{"id":29590,"date":"2024-07-12T11:36:18","date_gmt":"2024-07-12T16:36:18","guid":{"rendered":"https:\/\/www.dmsjuridica.com\/buscador_20179478954\/corteconstitucionalcronologico202454587\/?page_id=29590"},"modified":"2025-11-27T11:39:48","modified_gmt":"2025-11-27T16:39:48","slug":"tutelas-2004","status":"publish","type":"page","link":"https:\/\/www.dmsjuridica.com\/buscador_20179478954\/corteconstitucionalcronologico202454587\/tutelas-2004\/","title":{"rendered":"Tutelas 2004"},"content":{"rendered":"<div class=\"pt-cv-wrapper\"><div class=\"pt-cv-view pt-cv-grid pt-cv-colsys\" id=\"pt-cv-view-76b6804nha\"><div data-id=\"pt-cv-page-1\" class=\"pt-cv-page\" data-cvc=\"1\"><div class=\"col-md-12 col-sm-12 col-xs-12 pt-cv-content-item pt-cv-1-col\" ><div class='pt-cv-ifield'><a href=\"https:\/\/www.dmsjuridica.com\/buscador_20179478954\/corteconstitucionalcronologico202454587\/t-986-04\/\" class=\"_self pt-cv-href-thumbnail pt-cv-thumb-default\" target=\"_self\" ><\/a>\n<div class=\"pt-cv-taxoterm above_title\"><a href='https:\/\/www.dmsjuridica.com\/buscador_20179478954\/corteconstitucionalcronologico202454587\/category\/buscar-en-toda-la-corte\/2004\/tutelas-2004\/' title='Tutelas 2004' class='pt-cv-tax-tutelas-2004'>Tutelas 2004<\/a><\/div>\n<h4 class=\"pt-cv-title\"><a href=\"https:\/\/www.dmsjuridica.com\/buscador_20179478954\/corteconstitucionalcronologico202454587\/t-986-04\/\" class=\"_self\" target=\"_self\" >T-986-04<\/a><\/h4>\n<div class=\"pt-cv-content\">\u00a0 \u00a0 Sentencia T-986\/04 \u00a0 ACCION DE TUTELA TEMERARIA-Elementos que definen su ocurrencia y efectos \u00a0 Referencia: expediente T-956082 \u00a0 Acci\u00f3n de tutela instaurada por Nidia Villada contra la E.P.S. SANITAS. \u00a0 Magistrado Ponente: \u00a0 Dr. HUMBERTO SIERRA PORTO \u00a0 Bogot\u00e1, D. C., ocho (8) de octubre de dos mil cuatro (2004) \u00a0 La Sala S\u00e9ptima de Revisi\u00f3n de la Corte Constitucional, en ejercicio de sus competencias constitucionales y legales, espec\u00edficamente las previstas en los art\u00edculos 86 y 241, numeral 9\u00ba de la Constituci\u00f3n Pol\u00edtica y en el Decreto 2591 de 1991, ha pronunciado la siguiente \u00a0 SENTENCIA \u00a0 dentro ...<br \/><div class=\"pt-cv-rmwrap\"><a href=\"https:\/\/www.dmsjuridica.com\/buscador_20179478954\/corteconstitucionalcronologico202454587\/t-986-04\/\" class=\"_self pt-cv-readmore btn btn-success\" target=\"_self\">Ver Sentencia Completa...<\/a><\/div><\/div><\/div><\/div>\n<div class=\"col-md-12 col-sm-12 col-xs-12 pt-cv-content-item pt-cv-1-col\" ><div class='pt-cv-ifield'><a href=\"https:\/\/www.dmsjuridica.com\/buscador_20179478954\/corteconstitucionalcronologico202454587\/t-985-04\/\" class=\"_self pt-cv-href-thumbnail pt-cv-thumb-default\" target=\"_self\" ><\/a>\n<div class=\"pt-cv-taxoterm above_title\"><a href='https:\/\/www.dmsjuridica.com\/buscador_20179478954\/corteconstitucionalcronologico202454587\/category\/buscar-en-toda-la-corte\/2004\/tutelas-2004\/' title='Tutelas 2004' class='pt-cv-tax-tutelas-2004'>Tutelas 2004<\/a><\/div>\n<h4 class=\"pt-cv-title\"><a href=\"https:\/\/www.dmsjuridica.com\/buscador_20179478954\/corteconstitucionalcronologico202454587\/t-985-04\/\" class=\"_self\" target=\"_self\" >T-985-04<\/a><\/h4>\n<div class=\"pt-cv-content\">\u00a0 \u00a0 Sentencia T-985\/04 \u00a0 ACCION DE TUTELA-Hecho superado por nombramiento de docente \u00a0 ACCION DE TUTELA-Hecho superado no obsta para que la Corte se pronuncie\/INTERPRETACION DE NORMA JURIDICA-Controversia que afect\u00f3 el m\u00ednimo vital de la actora \u00a0 A pesar de existir un hecho superado, la Corte considera que merecen hacerse las siguientes consideraciones respecto al caso de la demandante, quien a pesar de cumplir con los requisitos pertinentes, no fue nombrada provisionalmente como docente debido a una controversia en la interpretaci\u00f3n de una norma jur\u00eddica, lo que a la postre vulner\u00f3 sus derechos al trabajo y a la buena ...<br \/><div class=\"pt-cv-rmwrap\"><a href=\"https:\/\/www.dmsjuridica.com\/buscador_20179478954\/corteconstitucionalcronologico202454587\/t-985-04\/\" class=\"_self pt-cv-readmore btn btn-success\" target=\"_self\">Ver Sentencia Completa...<\/a><\/div><\/div><\/div><\/div>\n<div class=\"col-md-12 col-sm-12 col-xs-12 pt-cv-content-item pt-cv-1-col\" ><div class='pt-cv-ifield'><a href=\"https:\/\/www.dmsjuridica.com\/buscador_20179478954\/corteconstitucionalcronologico202454587\/t-984-04\/\" class=\"_self pt-cv-href-thumbnail pt-cv-thumb-default\" target=\"_self\" ><\/a>\n<div class=\"pt-cv-taxoterm above_title\"><a href='https:\/\/www.dmsjuridica.com\/buscador_20179478954\/corteconstitucionalcronologico202454587\/category\/buscar-en-toda-la-corte\/2004\/tutelas-2004\/' title='Tutelas 2004' class='pt-cv-tax-tutelas-2004'>Tutelas 2004<\/a><\/div>\n<h4 class=\"pt-cv-title\"><a href=\"https:\/\/www.dmsjuridica.com\/buscador_20179478954\/corteconstitucionalcronologico202454587\/t-984-04\/\" class=\"_self\" target=\"_self\" >T-984-04<\/a><\/h4>\n<div class=\"pt-cv-content\">\u00a0 \u00a0 Sentencia T-984\/04 \u00a0 DERECHO A LA SALUD-Conexidad con la vida \u00a0 Esta Corporaci\u00f3n ha sostenido que la salud puede ser considerada como un derecho fundamental por conexidad, cuando se encuentre estrechamente vinculado a otros derechos fundamentales que s\u00ed lo son, de tal manera que el desconocimiento de aquel produzca como consecuencia la vulneraci\u00f3n de \u00e9stos. \u00a0 INAPLICACION DE NORMAS DEL PLAN OBLIGATORIO DE SALUD-Casos en que procede por exclusi\u00f3n de tratamientos y medicamentos de alto costo \u00a0 La Corte Constitucional, en virtud de la supremac\u00eda de la Constituci\u00f3n sobre las dem\u00e1s fuentes formales del derecho, ha inaplicado la ...<br \/><div class=\"pt-cv-rmwrap\"><a href=\"https:\/\/www.dmsjuridica.com\/buscador_20179478954\/corteconstitucionalcronologico202454587\/t-984-04\/\" class=\"_self pt-cv-readmore btn btn-success\" target=\"_self\">Ver Sentencia Completa...<\/a><\/div><\/div><\/div><\/div>\n<div class=\"col-md-12 col-sm-12 col-xs-12 pt-cv-content-item pt-cv-1-col\" ><div class='pt-cv-ifield'><a href=\"https:\/\/www.dmsjuridica.com\/buscador_20179478954\/corteconstitucionalcronologico202454587\/t-983-04\/\" class=\"_self pt-cv-href-thumbnail pt-cv-thumb-default\" target=\"_self\" ><\/a>\n<div class=\"pt-cv-taxoterm above_title\"><a href='https:\/\/www.dmsjuridica.com\/buscador_20179478954\/corteconstitucionalcronologico202454587\/category\/buscar-en-toda-la-corte\/2004\/tutelas-2004\/' title='Tutelas 2004' class='pt-cv-tax-tutelas-2004'>Tutelas 2004<\/a><\/div>\n<h4 class=\"pt-cv-title\"><a href=\"https:\/\/www.dmsjuridica.com\/buscador_20179478954\/corteconstitucionalcronologico202454587\/t-983-04\/\" class=\"_self\" target=\"_self\" >T-983-04<\/a><\/h4>\n<div class=\"pt-cv-content\">\u00a0 \u00a0 Sentencia T-983\/04 \u00a0 PLAN OBLIGATORIO DE SALUD-Cobertura familiar \u00a0 PLAN OBLIGATORIO DE SALUD-Obligaci\u00f3n del afiliado de comunicar novedades\/PLAN OBLIGATORIO DE SALUD-Causales de extinci\u00f3n de derecho del beneficiario \u00a0 Cuando la entidad promotora de salud compruebe la existencia de una causal extintiva de la calidad de beneficiario no comunicado oportunamente por parte del afiliado cotizante, la entidad iniciar\u00e1 el procedimiento de desafiliaci\u00f3n correspondiente, previa comunicaci\u00f3n escrita a \u00e9ste con no menos de un (1) mes de antelaci\u00f3n.\u00a0 \u00a0 PLAN OBLIGATORIO DE SALUD EN REGIMEN CONTRIBUTIVO-Beneficiarios \u00a0 Los hijos de los afiliados cotizantes, gozan de los servicios del plan obligatorio ...<br \/><div class=\"pt-cv-rmwrap\"><a href=\"https:\/\/www.dmsjuridica.com\/buscador_20179478954\/corteconstitucionalcronologico202454587\/t-983-04\/\" class=\"_self pt-cv-readmore btn btn-success\" target=\"_self\">Ver Sentencia Completa...<\/a><\/div><\/div><\/div><\/div>\n<div class=\"col-md-12 col-sm-12 col-xs-12 pt-cv-content-item pt-cv-1-col\" ><div class='pt-cv-ifield'><a href=\"https:\/\/www.dmsjuridica.com\/buscador_20179478954\/corteconstitucionalcronologico202454587\/t-982-04\/\" class=\"_self pt-cv-href-thumbnail pt-cv-thumb-default\" target=\"_self\" ><\/a>\n<div class=\"pt-cv-taxoterm above_title\"><a href='https:\/\/www.dmsjuridica.com\/buscador_20179478954\/corteconstitucionalcronologico202454587\/category\/buscar-en-toda-la-corte\/2004\/tutelas-2004\/' title='Tutelas 2004' class='pt-cv-tax-tutelas-2004'>Tutelas 2004<\/a><\/div>\n<h4 class=\"pt-cv-title\"><a href=\"https:\/\/www.dmsjuridica.com\/buscador_20179478954\/corteconstitucionalcronologico202454587\/t-982-04\/\" class=\"_self\" target=\"_self\" >T-982-04<\/a><\/h4>\n<div class=\"pt-cv-content\">\u00a0 \u00a0 Sentencia T-982\/04 \u00a0 Esta Corporaci\u00f3n ha sostenido que la existencia de dicho derecho fundamental, se concreta, en cuanto a los mecanismos de protecci\u00f3n de los administrados, en dos garant\u00edas m\u00ednimas, a saber: (i) En la obligaci\u00f3n de las autoridades de informar al interesado acerca de cualquier medida que lo pueda afectar; y (ii) en que la adopci\u00f3n de dichas decisiones, en todo caso, se sometan por lo menos a un proceso sumario que asegure la vigencia de los derechos constitucionales de contradicci\u00f3n e impugnaci\u00f3n. De esta manera, el debido proceso administrativo se ha definido como la regulaci\u00f3n jur\u00eddica ...<br \/><div class=\"pt-cv-rmwrap\"><a href=\"https:\/\/www.dmsjuridica.com\/buscador_20179478954\/corteconstitucionalcronologico202454587\/t-982-04\/\" class=\"_self pt-cv-readmore btn btn-success\" target=\"_self\">Ver Sentencia Completa...<\/a><\/div><\/div><\/div><\/div>\n<div class=\"col-md-12 col-sm-12 col-xs-12 pt-cv-content-item pt-cv-1-col\" ><div class='pt-cv-ifield'><a href=\"https:\/\/www.dmsjuridica.com\/buscador_20179478954\/corteconstitucionalcronologico202454587\/t-981-04\/\" class=\"_self pt-cv-href-thumbnail pt-cv-thumb-default\" target=\"_self\" ><\/a>\n<div class=\"pt-cv-taxoterm above_title\"><a href='https:\/\/www.dmsjuridica.com\/buscador_20179478954\/corteconstitucionalcronologico202454587\/category\/buscar-en-toda-la-corte\/2004\/tutelas-2004\/' title='Tutelas 2004' class='pt-cv-tax-tutelas-2004'>Tutelas 2004<\/a><\/div>\n<h4 class=\"pt-cv-title\"><a href=\"https:\/\/www.dmsjuridica.com\/buscador_20179478954\/corteconstitucionalcronologico202454587\/t-981-04\/\" class=\"_self\" target=\"_self\" >T-981-04<\/a><\/h4>\n<div class=\"pt-cv-content\">\u00a0 \u00a0 Sentencia T-981\/04 \u00a0 ACCION DE TUTELA CONTRA PROVIDENCIAS JUDICIALES-Procedencia \u00a0 ACCION DE TUTELA CONTRA PROVIDENCIAS JUDICIALES-Car\u00e1cter excepcional \u00a0 La procedencia de este amparo se encuentra condicionada a la previa utilizaci\u00f3n por el accionante de los medios de defensa previstos en el ordenamiento jur\u00eddico. Como mecanismo residual y subsidiario, la acci\u00f3n de tutela no puede remplazar las figuras procesales destinadas a obtener la satisfacci\u00f3n de sus derechos, ni puede subsanar la incuria o negligencia de las partes en hacer uso de ellas de la manera y dentro de los t\u00e9rminos previstos legalmente para ello. \u00a0 ACCION DE TUTELA CONTRA ...<br \/><div class=\"pt-cv-rmwrap\"><a href=\"https:\/\/www.dmsjuridica.com\/buscador_20179478954\/corteconstitucionalcronologico202454587\/t-981-04\/\" class=\"_self pt-cv-readmore btn btn-success\" target=\"_self\">Ver Sentencia Completa...<\/a><\/div><\/div><\/div><\/div>\n<div class=\"col-md-12 col-sm-12 col-xs-12 pt-cv-content-item pt-cv-1-col\" ><div class='pt-cv-ifield'><a href=\"https:\/\/www.dmsjuridica.com\/buscador_20179478954\/corteconstitucionalcronologico202454587\/t-980-04\/\" class=\"_self pt-cv-href-thumbnail pt-cv-thumb-default\" target=\"_self\" ><\/a>\n<div class=\"pt-cv-taxoterm above_title\"><a href='https:\/\/www.dmsjuridica.com\/buscador_20179478954\/corteconstitucionalcronologico202454587\/category\/buscar-en-toda-la-corte\/2004\/tutelas-2004\/' title='Tutelas 2004' class='pt-cv-tax-tutelas-2004'>Tutelas 2004<\/a><\/div>\n<h4 class=\"pt-cv-title\"><a href=\"https:\/\/www.dmsjuridica.com\/buscador_20179478954\/corteconstitucionalcronologico202454587\/t-980-04\/\" class=\"_self\" target=\"_self\" >T-980-04<\/a><\/h4>\n<div class=\"pt-cv-content\">\u00a0 \u00a0 Sentencia T-980\/04 \u00a0 SENTENCIA DE REVISION DE TUTELA-Fallecimiento del actor no exime de pronunciamiento de fondo \u00a0 En cumplimiento de la funci\u00f3n primaria que cumple la revisi\u00f3n de los fallos de tutela, la Corte Constitucional ha sostenido que la muerte del peticionario durante este tr\u00e1mite, no la exime de emitir un pronunciamiento sobre la cuesti\u00f3n objeto de debate, porque si bien a causa del fallecimiento del actor la Corte queda impedida para impartir contra el demandado la orden a que hace referencia el art\u00edculo 86 Superior, ello no impide que deba resolver sobre el fondo del asunto sometido ...<br \/><div class=\"pt-cv-rmwrap\"><a href=\"https:\/\/www.dmsjuridica.com\/buscador_20179478954\/corteconstitucionalcronologico202454587\/t-980-04\/\" class=\"_self pt-cv-readmore btn btn-success\" target=\"_self\">Ver Sentencia Completa...<\/a><\/div><\/div><\/div><\/div>\n<div class=\"col-md-12 col-sm-12 col-xs-12 pt-cv-content-item pt-cv-1-col\" ><div class='pt-cv-ifield'><a href=\"https:\/\/www.dmsjuridica.com\/buscador_20179478954\/corteconstitucionalcronologico202454587\/t-979-04\/\" class=\"_self pt-cv-href-thumbnail pt-cv-thumb-default\" target=\"_self\" ><\/a>\n<div class=\"pt-cv-taxoterm above_title\"><a href='https:\/\/www.dmsjuridica.com\/buscador_20179478954\/corteconstitucionalcronologico202454587\/category\/buscar-en-toda-la-corte\/2004\/tutelas-2004\/' title='Tutelas 2004' class='pt-cv-tax-tutelas-2004'>Tutelas 2004<\/a><\/div>\n<h4 class=\"pt-cv-title\"><a href=\"https:\/\/www.dmsjuridica.com\/buscador_20179478954\/corteconstitucionalcronologico202454587\/t-979-04\/\" class=\"_self\" target=\"_self\" >T-979-04<\/a><\/h4>\n<div class=\"pt-cv-content\">\u00a0 \u00a0 Sentencia T-979\/04 \u00a0 ORGANIZACION INTERNACIONAL DEL TRABAJO-Definici\u00f3n y prop\u00f3sitos \u00a0 ORGANIZACION INTERNACIONAL DEL TRABAJO-Organismos que la conforman y sus respectivas funciones \u00a0 La organizaci\u00f3n permanente de la OIT comprende: a) la Conferencia General de los representantes de los Miembros; b) el Consejo de Administraci\u00f3n y c) la Oficina Internacional del Trabajo, que est\u00e1 bajo la direcci\u00f3n del Consejo de Administraci\u00f3n.\u00a0 \u00a0 ORGANIZACION INTERNACIONAL DEL TRABAJO-Definici\u00f3n de sus convenios y recomendaciones \u00a0 La Conferencia General profiere normas internacionales del trabajo, las cuales pueden adquirir la forma de convenios o de recomendaciones. En ellas se fijan condiciones m\u00ednimas en materia ...<br \/><div class=\"pt-cv-rmwrap\"><a href=\"https:\/\/www.dmsjuridica.com\/buscador_20179478954\/corteconstitucionalcronologico202454587\/t-979-04\/\" class=\"_self pt-cv-readmore btn btn-success\" target=\"_self\">Ver Sentencia Completa...<\/a><\/div><\/div><\/div><\/div>\n<div class=\"col-md-12 col-sm-12 col-xs-12 pt-cv-content-item pt-cv-1-col\" ><div class='pt-cv-ifield'><a href=\"https:\/\/www.dmsjuridica.com\/buscador_20179478954\/corteconstitucionalcronologico202454587\/t-978-04\/\" class=\"_self pt-cv-href-thumbnail pt-cv-thumb-default\" target=\"_self\" ><\/a>\n<div class=\"pt-cv-taxoterm above_title\"><a href='https:\/\/www.dmsjuridica.com\/buscador_20179478954\/corteconstitucionalcronologico202454587\/category\/buscar-en-toda-la-corte\/2004\/tutelas-2004\/' title='Tutelas 2004' class='pt-cv-tax-tutelas-2004'>Tutelas 2004<\/a><\/div>\n<h4 class=\"pt-cv-title\"><a href=\"https:\/\/www.dmsjuridica.com\/buscador_20179478954\/corteconstitucionalcronologico202454587\/t-978-04\/\" class=\"_self\" target=\"_self\" >T-978-04<\/a><\/h4>\n<div class=\"pt-cv-content\">\u00a0 \u00a0 Sentencia T-978\/04 \u00a0 PERIODO DE PRUEBA-Objeto \u00a0 PERIODO DE PRUEBA-Excepci\u00f3n al principio constitucional de la estabilidad en el empleo \u00a0 La doctrina ha definido al periodo de prueba como una garant\u00eda correlativa al interior de la relaci\u00f3n laboral. Para el empleador, en la medida en que le permite la libre resoluci\u00f3n contractual en caso que el trabajador no le satisfaga, y para el empleado, pues le permite desistir del contrato en caso tal que no considere conveniente proseguir con la prestaci\u00f3n del servicio. Como puede inferirse, la estipulaci\u00f3n del periodo de prueba constituye una excepci\u00f3n al principio constitucional ...<br \/><div class=\"pt-cv-rmwrap\"><a href=\"https:\/\/www.dmsjuridica.com\/buscador_20179478954\/corteconstitucionalcronologico202454587\/t-978-04\/\" class=\"_self pt-cv-readmore btn btn-success\" target=\"_self\">Ver Sentencia Completa...<\/a><\/div><\/div><\/div><\/div>\n<div class=\"col-md-12 col-sm-12 col-xs-12 pt-cv-content-item pt-cv-1-col\" ><div class='pt-cv-ifield'><a href=\"https:\/\/www.dmsjuridica.com\/buscador_20179478954\/corteconstitucionalcronologico202454587\/t-977-04\/\" class=\"_self pt-cv-href-thumbnail pt-cv-thumb-default\" target=\"_self\" ><\/a>\n<div class=\"pt-cv-taxoterm above_title\"><a href='https:\/\/www.dmsjuridica.com\/buscador_20179478954\/corteconstitucionalcronologico202454587\/category\/buscar-en-toda-la-corte\/2004\/tutelas-2004\/' title='Tutelas 2004' class='pt-cv-tax-tutelas-2004'>Tutelas 2004<\/a><\/div>\n<h4 class=\"pt-cv-title\"><a href=\"https:\/\/www.dmsjuridica.com\/buscador_20179478954\/corteconstitucionalcronologico202454587\/t-977-04\/\" class=\"_self\" target=\"_self\" >T-977-04<\/a><\/h4>\n<div class=\"pt-cv-content\">\u00a0 \u00a0 Sentencia T-977\/04 \u00a0 AGENCIA OFICIOSA EN TUTELA-Hermana en representaci\u00f3n de interdicto \u00a0 DERECHO A LA SALUD DEL ENFERMO MENTAL-Protecci\u00f3n inmediata por conexidad con otros derechos fundamentales \u00a0 Se debe reiterar la doctrina constitucional sobre la necesidad de protecci\u00f3n especial que depara la Constituci\u00f3n a aquellas personas que por su estado f\u00edsico o mental tengan la calidad de disminuidos y como consecuencia de ello se encuentren en condiciones de debilidad manifiesta. De all\u00ed que cuando de la persona humana se predique la disminuci\u00f3n de su capacidad f\u00edsica o ps\u00edquica, y del suministro de unos medicamentos, tratamientos o procedimientos quir\u00fargicos ...<br \/><div class=\"pt-cv-rmwrap\"><a href=\"https:\/\/www.dmsjuridica.com\/buscador_20179478954\/corteconstitucionalcronologico202454587\/t-977-04\/\" class=\"_self pt-cv-readmore btn btn-success\" target=\"_self\">Ver Sentencia Completa...<\/a><\/div><\/div><\/div><\/div>\n<div class=\"col-md-12 col-sm-12 col-xs-12 pt-cv-content-item pt-cv-1-col\" ><div class='pt-cv-ifield'><a href=\"https:\/\/www.dmsjuridica.com\/buscador_20179478954\/corteconstitucionalcronologico202454587\/t-976-04\/\" class=\"_self pt-cv-href-thumbnail pt-cv-thumb-default\" target=\"_self\" ><\/a>\n<div class=\"pt-cv-taxoterm above_title\"><a href='https:\/\/www.dmsjuridica.com\/buscador_20179478954\/corteconstitucionalcronologico202454587\/category\/buscar-en-toda-la-corte\/2004\/tutelas-2004\/' title='Tutelas 2004' class='pt-cv-tax-tutelas-2004'>Tutelas 2004<\/a><\/div>\n<h4 class=\"pt-cv-title\"><a href=\"https:\/\/www.dmsjuridica.com\/buscador_20179478954\/corteconstitucionalcronologico202454587\/t-976-04\/\" class=\"_self\" target=\"_self\" >T-976-04<\/a><\/h4>\n<div class=\"pt-cv-content\">\u00a0 \u00a0 Sentencia T-976\/04 \u00a0 ESTADO-Deber de proteger derechos fundamentales \u00a0 DEBER DE SOLIDARIDAD SOCIAL-Cargas p\u00fablicas inherentes a la convivencia en sociedad y a la prestaci\u00f3n de los servicios p\u00fablicos que deben asumir los ciudadanos\/DEBER DE SOLIDARIDAD SOCIAL-Los servidores p\u00fablicos soportan un mayor nivel de cargas \u00a0 DERECHO A LA VIDA E INTEGRIDAD PERSONAL-Niveles de riesgo \u00a0 Cuando una persona se encuentra en peligro y considera amenazados derechos fundamentales como la vida y la integridad personal, es necesario que el Estado dirija su accionar a evitar que se materialice el da\u00f1o en concreto, y dicho accionar s\u00f3lo podr\u00e1 estar precedido ...<br \/><div class=\"pt-cv-rmwrap\"><a href=\"https:\/\/www.dmsjuridica.com\/buscador_20179478954\/corteconstitucionalcronologico202454587\/t-976-04\/\" class=\"_self pt-cv-readmore btn btn-success\" target=\"_self\">Ver Sentencia Completa...<\/a><\/div><\/div><\/div><\/div>\n<div class=\"col-md-12 col-sm-12 col-xs-12 pt-cv-content-item pt-cv-1-col\" ><div class='pt-cv-ifield'><a href=\"https:\/\/www.dmsjuridica.com\/buscador_20179478954\/corteconstitucionalcronologico202454587\/t-975-04\/\" class=\"_self pt-cv-href-thumbnail pt-cv-thumb-default\" target=\"_self\" ><\/a>\n<div class=\"pt-cv-taxoterm above_title\"><a href='https:\/\/www.dmsjuridica.com\/buscador_20179478954\/corteconstitucionalcronologico202454587\/category\/buscar-en-toda-la-corte\/2004\/tutelas-2004\/' title='Tutelas 2004' class='pt-cv-tax-tutelas-2004'>Tutelas 2004<\/a><\/div>\n<h4 class=\"pt-cv-title\"><a href=\"https:\/\/www.dmsjuridica.com\/buscador_20179478954\/corteconstitucionalcronologico202454587\/t-975-04\/\" class=\"_self\" target=\"_self\" >T-975-04<\/a><\/h4>\n<div class=\"pt-cv-content\">\u00a0 \u00a0 Sentencia T-975\/04 \u00a0 EMPRESA DE SERVICIOS PUBLICOS DOMICILIARIOS-Gozan de derechos, poderes y prerrogativas \u00a0 \u201cLas empresas y entidades prestadoras de servicios p\u00fablicos domiciliarios, independientemente de su condici\u00f3n de estatal o privada, gozan de un conglomerado de derechos, poderes y prerrogativas de autoridad p\u00fablica que las habilitan para cumplir funciones administrativas que van desde la resoluci\u00f3n de peticiones, quejas y reclamos hasta la decisi\u00f3n del recurso de reposici\u00f3n\u201d, en el ejercicio de sus funciones dichas entidades est\u00e1n sujetas a los mismos controles que el ordenamiento jur\u00eddico prev\u00e9 para las actuaciones de las autoridades p\u00fablicas, esto es, en general, a ...<br \/><div class=\"pt-cv-rmwrap\"><a href=\"https:\/\/www.dmsjuridica.com\/buscador_20179478954\/corteconstitucionalcronologico202454587\/t-975-04\/\" class=\"_self pt-cv-readmore btn btn-success\" target=\"_self\">Ver Sentencia Completa...<\/a><\/div><\/div><\/div><\/div>\n<div class=\"col-md-12 col-sm-12 col-xs-12 pt-cv-content-item pt-cv-1-col\" ><div class='pt-cv-ifield'><a href=\"https:\/\/www.dmsjuridica.com\/buscador_20179478954\/corteconstitucionalcronologico202454587\/t-974-04\/\" class=\"_self pt-cv-href-thumbnail pt-cv-thumb-default\" target=\"_self\" ><\/a>\n<div class=\"pt-cv-taxoterm above_title\"><a href='https:\/\/www.dmsjuridica.com\/buscador_20179478954\/corteconstitucionalcronologico202454587\/category\/buscar-en-toda-la-corte\/2004\/tutelas-2004\/' title='Tutelas 2004' class='pt-cv-tax-tutelas-2004'>Tutelas 2004<\/a><\/div>\n<h4 class=\"pt-cv-title\"><a href=\"https:\/\/www.dmsjuridica.com\/buscador_20179478954\/corteconstitucionalcronologico202454587\/t-974-04\/\" class=\"_self\" target=\"_self\" >T-974-04<\/a><\/h4>\n<div class=\"pt-cv-content\">\u00a0 \u00a0 Sentencia T-974\/04 \u00a0 ENTIDAD PRESTADORA DE SALUD-Cesi\u00f3n de los afiliados\/CONTRATO DE CESION-Objeto y efectos \u00a0 La Cesi\u00f3n es un contrato a trav\u00e9s del cual una de las partes, quien es titular de un derecho, cedente, lo transfiere a otra persona , cesionario , para que este lo ejerza a nombre propio. La cesi\u00f3n se formaliza por el mero acuerdo entre el cedente y el cesionario , el usuario cedido no es parte en el contrato ni se requiere su consentimiento pero s\u00ed su notificaci\u00f3n. Para efectuar una cesi\u00f3n, es indispensable tener capacidad jur\u00eddica para realizar dicho contrato. La ...<br \/><div class=\"pt-cv-rmwrap\"><a href=\"https:\/\/www.dmsjuridica.com\/buscador_20179478954\/corteconstitucionalcronologico202454587\/t-974-04\/\" class=\"_self pt-cv-readmore btn btn-success\" target=\"_self\">Ver Sentencia Completa...<\/a><\/div><\/div><\/div><\/div>\n<div class=\"col-md-12 col-sm-12 col-xs-12 pt-cv-content-item pt-cv-1-col\" ><div class='pt-cv-ifield'><a href=\"https:\/\/www.dmsjuridica.com\/buscador_20179478954\/corteconstitucionalcronologico202454587\/t-969-04\/\" class=\"_self pt-cv-href-thumbnail pt-cv-thumb-default\" target=\"_self\" ><\/a>\n<div class=\"pt-cv-taxoterm above_title\"><a href='https:\/\/www.dmsjuridica.com\/buscador_20179478954\/corteconstitucionalcronologico202454587\/category\/buscar-en-toda-la-corte\/2004\/tutelas-2004\/' title='Tutelas 2004' class='pt-cv-tax-tutelas-2004'>Tutelas 2004<\/a><\/div>\n<h4 class=\"pt-cv-title\"><a href=\"https:\/\/www.dmsjuridica.com\/buscador_20179478954\/corteconstitucionalcronologico202454587\/t-969-04\/\" class=\"_self\" target=\"_self\" >T-969-04<\/a><\/h4>\n<div class=\"pt-cv-content\">\u00a0 \u00a0 Sentencia T-969\/04 \u00a0 DERECHO A LA SALUD-Fundamental por conexidad con la vida \u00a0 PRINCIPIO DE CONTINUIDAD EN EL SERVICIO DE SALUD-Deber de cotizar al sistema \u00a0 PRINCIPIO DE CONTINUIDAD EN EL SERVICIO DE SALUD-Culminaci\u00f3n de tratamientos iniciados \u00a0 INSTITUTO DE SEGUROS SOCIALES-Desorden administrativo no puede ser padecido por los beneficiarios del sistema\/PRINCIPIO DE CONTINUIDAD EN EL SERVICIO DE SALUD-Seguro social no pod\u00eda interrumpir el tratamiento autorizado alegando desafiliaci\u00f3n de la paciente \u00a0 El desorden administrativo en la base de datos y de informaci\u00f3n del I.S.S., no puede ser padecido por los beneficiarios del Sistema, quienes no deben asumir ...<br \/><div class=\"pt-cv-rmwrap\"><a href=\"https:\/\/www.dmsjuridica.com\/buscador_20179478954\/corteconstitucionalcronologico202454587\/t-969-04\/\" class=\"_self pt-cv-readmore btn btn-success\" target=\"_self\">Ver Sentencia Completa...<\/a><\/div><\/div><\/div><\/div>\n<div class=\"col-md-12 col-sm-12 col-xs-12 pt-cv-content-item pt-cv-1-col\" ><div class='pt-cv-ifield'><a href=\"https:\/\/www.dmsjuridica.com\/buscador_20179478954\/corteconstitucionalcronologico202454587\/t-968-04\/\" class=\"_self pt-cv-href-thumbnail pt-cv-thumb-default\" target=\"_self\" ><\/a>\n<div class=\"pt-cv-taxoterm above_title\"><a href='https:\/\/www.dmsjuridica.com\/buscador_20179478954\/corteconstitucionalcronologico202454587\/category\/buscar-en-toda-la-corte\/2004\/tutelas-2004\/' title='Tutelas 2004' class='pt-cv-tax-tutelas-2004'>Tutelas 2004<\/a><\/div>\n<h4 class=\"pt-cv-title\"><a href=\"https:\/\/www.dmsjuridica.com\/buscador_20179478954\/corteconstitucionalcronologico202454587\/t-968-04\/\" class=\"_self\" target=\"_self\" >T-968-04<\/a><\/h4>\n<div class=\"pt-cv-content\">\u00a0 \u00a0 Sentencia T-968\/04 \u00a0 LICENCIA DE MATERNIDAD-Protecci\u00f3n constitucional \u00a0 LICENCIA DE MATERNIDAD-Procedencia excepcional de tutela para el pago \u00a0 LICENCIA DE MATERNIDAD-Ampliaci\u00f3n del t\u00e9rmino al primer a\u00f1o de vida del ni\u00f1o para presentar la tutela \u00a0 TRABAJADOR INDEPENDIENTE-Mora en aportes en salud \u00a0 DERECHO AL MINIMO VITAL DE LA MADRE Y SU HIJO-No se vulner\u00f3\u00a0 \u00a0 TRABAJADOR INDEPENDIENTE-Mora en aportes constituye hecho propio \u00a0 Referencia: expediente T-934028 \u00a0 Acci\u00f3n de tutela instaurada por Ana Milena Palencia Jim\u00e9nez contra Coomeva E.P.S. \u00a0 Magistrado Ponente: \u00a0 Dr. HUMBERTO SIERRA PORTO \u00a0 La Sala S\u00e9ptima de Revisi\u00f3n de la Corte Constitucional, integrada ...<br \/><div class=\"pt-cv-rmwrap\"><a href=\"https:\/\/www.dmsjuridica.com\/buscador_20179478954\/corteconstitucionalcronologico202454587\/t-968-04\/\" class=\"_self pt-cv-readmore btn btn-success\" target=\"_self\">Ver Sentencia Completa...<\/a><\/div><\/div><\/div><\/div>\n<div class=\"col-md-12 col-sm-12 col-xs-12 pt-cv-content-item pt-cv-1-col\" ><div class='pt-cv-ifield'><a href=\"https:\/\/www.dmsjuridica.com\/buscador_20179478954\/corteconstitucionalcronologico202454587\/t-967-04\/\" class=\"_self pt-cv-href-thumbnail pt-cv-thumb-default\" target=\"_self\" ><\/a>\n<div class=\"pt-cv-taxoterm above_title\"><a href='https:\/\/www.dmsjuridica.com\/buscador_20179478954\/corteconstitucionalcronologico202454587\/category\/buscar-en-toda-la-corte\/2004\/tutelas-2004\/' title='Tutelas 2004' class='pt-cv-tax-tutelas-2004'>Tutelas 2004<\/a><\/div>\n<h4 class=\"pt-cv-title\"><a href=\"https:\/\/www.dmsjuridica.com\/buscador_20179478954\/corteconstitucionalcronologico202454587\/t-967-04\/\" class=\"_self\" target=\"_self\" >T-967-04<\/a><\/h4>\n<div class=\"pt-cv-content\">\u00a0 \u00a0 Sentencia T-967\/04 \u00a0 PRESUNCION DE VERACIDAD EN TUTELA-Demandado no rinde informe solicitado por el juez \u00a0 DERECHO DE PETICION EN MATERIA PENSIONAL-T\u00e9rminos para resolver \u00a0 CAJA NACIONAL DE PREVISION SOCIAL-Respuesta de fondo sobre reconocimiento de pensi\u00f3n gracia \u00a0 Reiteraci\u00f3n de Jurisprudencia \u00a0 Referencia: expediente T-934453\u00a0 \u00a0 Acci\u00f3n de tutela instaurada por Mar\u00eda Fanny Betancurt Ram\u00edrez contra la Caja Nacional de Previsi\u00f3n Social \u2013CAJANAL-. \u00a0 Magistrado Ponente: \u00a0 Dr. HUMBERTO SIERRA PORTO \u00a0 Bogot\u00e1 D. C., ocho (8) de octubre de dos mil cuatro (2004). \u00a0 La Sala S\u00e9ptima de Revisi\u00f3n de la Corte Constitucional, en ejercicio de sus ...<br \/><div class=\"pt-cv-rmwrap\"><a href=\"https:\/\/www.dmsjuridica.com\/buscador_20179478954\/corteconstitucionalcronologico202454587\/t-967-04\/\" class=\"_self pt-cv-readmore btn btn-success\" target=\"_self\">Ver Sentencia Completa...<\/a><\/div><\/div><\/div><\/div>\n<div class=\"col-md-12 col-sm-12 col-xs-12 pt-cv-content-item pt-cv-1-col\" ><div class='pt-cv-ifield'><a href=\"https:\/\/www.dmsjuridica.com\/buscador_20179478954\/corteconstitucionalcronologico202454587\/t-966-04\/\" class=\"_self pt-cv-href-thumbnail pt-cv-thumb-default\" target=\"_self\" ><\/a>\n<div class=\"pt-cv-taxoterm above_title\"><a href='https:\/\/www.dmsjuridica.com\/buscador_20179478954\/corteconstitucionalcronologico202454587\/category\/buscar-en-toda-la-corte\/2004\/tutelas-2004\/' title='Tutelas 2004' class='pt-cv-tax-tutelas-2004'>Tutelas 2004<\/a><\/div>\n<h4 class=\"pt-cv-title\"><a href=\"https:\/\/www.dmsjuridica.com\/buscador_20179478954\/corteconstitucionalcronologico202454587\/t-966-04\/\" class=\"_self\" target=\"_self\" >T-966-04<\/a><\/h4>\n<div class=\"pt-cv-content\">\u00a0 \u00a0 Sentencia T-966\/04 \u00a0 INAPLICACION DE NORMAS DEL PLAN OBLIGATORIO DE SALUD-Casos en que procede por exclusi\u00f3n de tratamientos y medicamentos de alto costo \u00a0 ENTIDAD PROMOTORA DE SALUD-Gestiones para conformar el Comit\u00e9 T\u00e9cnico Cient\u00edfico con el fin de determinar la necesidad de suministrar los medicamentos prescritos \u00a0 Referencia: expediente T-932158 \u00a0 Acci\u00f3n de tutela instaurada por Ana Elvia Manquillo Quilindo, en representaci\u00f3n de su madre Clara Quilindo, contra el Instituto de Seguros Sociales, Seccional Cauca.\u00a0 \u00a0 Magistrado Ponente: \u00a0 Dr. HUMBERTO SIERRA PORTO. \u00a0 Bogot\u00e1 D. C., ocho (8) de octubre de dos mil cuatro (2004). \u00a0 La ...<br \/><div class=\"pt-cv-rmwrap\"><a href=\"https:\/\/www.dmsjuridica.com\/buscador_20179478954\/corteconstitucionalcronologico202454587\/t-966-04\/\" class=\"_self pt-cv-readmore btn btn-success\" target=\"_self\">Ver Sentencia Completa...<\/a><\/div><\/div><\/div><\/div>\n<div class=\"col-md-12 col-sm-12 col-xs-12 pt-cv-content-item pt-cv-1-col\" ><div class='pt-cv-ifield'><a href=\"https:\/\/www.dmsjuridica.com\/buscador_20179478954\/corteconstitucionalcronologico202454587\/t-965-04\/\" class=\"_self pt-cv-href-thumbnail pt-cv-thumb-default\" target=\"_self\" ><\/a>\n<div class=\"pt-cv-taxoterm above_title\"><a href='https:\/\/www.dmsjuridica.com\/buscador_20179478954\/corteconstitucionalcronologico202454587\/category\/buscar-en-toda-la-corte\/2004\/tutelas-2004\/' title='Tutelas 2004' class='pt-cv-tax-tutelas-2004'>Tutelas 2004<\/a><\/div>\n<h4 class=\"pt-cv-title\"><a href=\"https:\/\/www.dmsjuridica.com\/buscador_20179478954\/corteconstitucionalcronologico202454587\/t-965-04\/\" class=\"_self\" target=\"_self\" >T-965-04<\/a><\/h4>\n<div class=\"pt-cv-content\">\u00a0 \u00a0 Sentencia T-965\/04 \u00a0 ACCION DE TUTELA-Subsidiariedad \u00a0 DEBIDO PROCESO ADMINISTRATIVO-Alcance \u00a0 ACCION DE TUTELA-Improcedencia general para controvertir actos administrativos\/ACCION DE TUTELA-Procedencia excepcional para controvertir actos administrativos \u00a0 Aunque el derecho al debido proceso administrativo adquiri\u00f3 rango fundamental, ello no significa que la tutela sea el medio adecuado para controvertir este tipo de actuaciones. El \u00e1mbito propicio para tramitar los reproches de los ciudadanos contra las actuaciones de la administraci\u00f3n es la jurisdicci\u00f3n contenciosa administrativa, quien est\u00e1 vinculada con el deber de guarda y promoci\u00f3n de las garant\u00edas fundamentales. El recurso de amparo s\u00f3lo ser\u00e1 procedente, en consecuencia, cuando ...<br \/><div class=\"pt-cv-rmwrap\"><a href=\"https:\/\/www.dmsjuridica.com\/buscador_20179478954\/corteconstitucionalcronologico202454587\/t-965-04\/\" class=\"_self pt-cv-readmore btn btn-success\" target=\"_self\">Ver Sentencia Completa...<\/a><\/div><\/div><\/div><\/div>\n<div class=\"col-md-12 col-sm-12 col-xs-12 pt-cv-content-item pt-cv-1-col\" ><div class='pt-cv-ifield'><a href=\"https:\/\/www.dmsjuridica.com\/buscador_20179478954\/corteconstitucionalcronologico202454587\/t-964-04\/\" class=\"_self pt-cv-href-thumbnail pt-cv-thumb-default\" target=\"_self\" ><\/a>\n<div class=\"pt-cv-taxoterm above_title\"><a href='https:\/\/www.dmsjuridica.com\/buscador_20179478954\/corteconstitucionalcronologico202454587\/category\/buscar-en-toda-la-corte\/2004\/tutelas-2004\/' title='Tutelas 2004' class='pt-cv-tax-tutelas-2004'>Tutelas 2004<\/a><\/div>\n<h4 class=\"pt-cv-title\"><a href=\"https:\/\/www.dmsjuridica.com\/buscador_20179478954\/corteconstitucionalcronologico202454587\/t-964-04\/\" class=\"_self\" target=\"_self\" >T-964-04<\/a><\/h4>\n<div class=\"pt-cv-content\">\u00a0 \u00a0 Sentencia T-964\/04 \u00a0 CORTE CONSTITUCIONAL-Inaplicaci\u00f3n de normas contrarias a la Constituci\u00f3n\/CORTE CONSTITUCIONAL-Inaplicaci\u00f3n del art\u00edculo 16 del Decreto 190 de 2003 \u00a0 Frente a la facultad de inaplicar normas legales contrarias a la Constituci\u00f3n, la Corte frente a casos similares a los que ahora se revisan decidi\u00f3 efectivamente inaplicar el art. 16 del Decreto 190 de 2003, tras considerar que: \u201cVista la valiosa protecci\u00f3n que la misma Constituci\u00f3n otorga a las mujeres madres cabeza de familia, la Corte considera que la limitaci\u00f3n en el tiempo del beneficio que se les otorg\u00f3 en la Ley 790, art\u00edculo 12, por el ...<br \/><div class=\"pt-cv-rmwrap\"><a href=\"https:\/\/www.dmsjuridica.com\/buscador_20179478954\/corteconstitucionalcronologico202454587\/t-964-04\/\" class=\"_self pt-cv-readmore btn btn-success\" target=\"_self\">Ver Sentencia Completa...<\/a><\/div><\/div><\/div><\/div>\n<div class=\"col-md-12 col-sm-12 col-xs-12 pt-cv-content-item pt-cv-1-col\" ><div class='pt-cv-ifield'><a href=\"https:\/\/www.dmsjuridica.com\/buscador_20179478954\/corteconstitucionalcronologico202454587\/t-963-04\/\" class=\"_self pt-cv-href-thumbnail pt-cv-thumb-default\" target=\"_self\" ><\/a>\n<div class=\"pt-cv-taxoterm above_title\"><a href='https:\/\/www.dmsjuridica.com\/buscador_20179478954\/corteconstitucionalcronologico202454587\/category\/buscar-en-toda-la-corte\/2004\/tutelas-2004\/' title='Tutelas 2004' class='pt-cv-tax-tutelas-2004'>Tutelas 2004<\/a><\/div>\n<h4 class=\"pt-cv-title\"><a href=\"https:\/\/www.dmsjuridica.com\/buscador_20179478954\/corteconstitucionalcronologico202454587\/t-963-04\/\" class=\"_self\" target=\"_self\" >T-963-04<\/a><\/h4>\n<div class=\"pt-cv-content\">\u00a0 \u00a0 Sentencia T-963\/04 \u00a0 ACCION DE TUTELA-Hecho superado por nombramiento de docentes en escuela rural \u00a0 ACCION DE TUTELA-Carencia actual de objeto no exime pronunciamiento de fondo \u00a0 ESTADO-Debe garantizar la educaci\u00f3n b\u00e1sica p\u00fablica, obligatoria y gratuita\/DERECHO A LA EDUCACION-Garant\u00eda por el Estado \u00a0 El Estado tiene la obligaci\u00f3n de garantizar a todos los ni\u00f1os y ni\u00f1as el derecho fundamental a la educaci\u00f3n b\u00e1sica p\u00fablica, obligatoria y gratuita, sin reparar para estos efectos en el hecho de que residan en centros urbanos o en zonas rurales, pues la satisfacci\u00f3n de este derecho debe realizarse en condiciones tales que permita ...<br \/><div class=\"pt-cv-rmwrap\"><a href=\"https:\/\/www.dmsjuridica.com\/buscador_20179478954\/corteconstitucionalcronologico202454587\/t-963-04\/\" class=\"_self pt-cv-readmore btn btn-success\" target=\"_self\">Ver Sentencia Completa...<\/a><\/div><\/div><\/div><\/div>\n<div class=\"col-md-12 col-sm-12 col-xs-12 pt-cv-content-item pt-cv-1-col\" ><div class='pt-cv-ifield'><a href=\"https:\/\/www.dmsjuridica.com\/buscador_20179478954\/corteconstitucionalcronologico202454587\/t-962-04\/\" class=\"_self pt-cv-href-thumbnail pt-cv-thumb-default\" target=\"_self\" ><\/a>\n<div class=\"pt-cv-taxoterm above_title\"><a href='https:\/\/www.dmsjuridica.com\/buscador_20179478954\/corteconstitucionalcronologico202454587\/category\/buscar-en-toda-la-corte\/2004\/tutelas-2004\/' title='Tutelas 2004' class='pt-cv-tax-tutelas-2004'>Tutelas 2004<\/a><\/div>\n<h4 class=\"pt-cv-title\"><a href=\"https:\/\/www.dmsjuridica.com\/buscador_20179478954\/corteconstitucionalcronologico202454587\/t-962-04\/\" class=\"_self\" target=\"_self\" >T-962-04<\/a><\/h4>\n<div class=\"pt-cv-content\">\u00a0 \u00a0 Sentencia T-962\/04 \u00a0 ACCION DE TUTELA-Nombramiento de quien obtuvo el primer puesto en concurso \u00a0 CONCURSO DE MERITOS EN LA RAMA JUDICIAL-Nombramiento de quien obtuvo el primer puesto \u00a0 CONCURSO DE MERITOS-Finalidad \u00a0 CARRERA JUDICIAL-Provisi\u00f3n de cargos mediante el traslado \u00a0 CARRERA JUDICIAL-M\u00e9rito como elemento esencial\/CARRERA JUDICIAL-En solicitud de traslado se deben cotejar las hojas de vida \u00a0 Si bien la normatividad actual permite el traslado como forma de proveer cargos dentro de la carrera judicial, el m\u00e9rito es el \u00a0criterio que siempre debe regir el ingreso, la permanencia y el ascenso en la carrera judicial. As\u00ed pues, ...<br \/><div class=\"pt-cv-rmwrap\"><a href=\"https:\/\/www.dmsjuridica.com\/buscador_20179478954\/corteconstitucionalcronologico202454587\/t-962-04\/\" class=\"_self pt-cv-readmore btn btn-success\" target=\"_self\">Ver Sentencia Completa...<\/a><\/div><\/div><\/div><\/div>\n<div class=\"col-md-12 col-sm-12 col-xs-12 pt-cv-content-item pt-cv-1-col\" ><div class='pt-cv-ifield'><a href=\"https:\/\/www.dmsjuridica.com\/buscador_20179478954\/corteconstitucionalcronologico202454587\/t-961-04\/\" class=\"_self pt-cv-href-thumbnail pt-cv-thumb-default\" target=\"_self\" ><\/a>\n<div class=\"pt-cv-taxoterm above_title\"><a href='https:\/\/www.dmsjuridica.com\/buscador_20179478954\/corteconstitucionalcronologico202454587\/category\/buscar-en-toda-la-corte\/2004\/tutelas-2004\/' title='Tutelas 2004' class='pt-cv-tax-tutelas-2004'>Tutelas 2004<\/a><\/div>\n<h4 class=\"pt-cv-title\"><a href=\"https:\/\/www.dmsjuridica.com\/buscador_20179478954\/corteconstitucionalcronologico202454587\/t-961-04\/\" class=\"_self\" target=\"_self\" >T-961-04<\/a><\/h4>\n<div class=\"pt-cv-content\">\u00a0 \u00a0 Sentencia T-961\/04 \u00a0 DEBIDO PROCESO-Fundamental\/DEBIDO PROCESO-Alcance \u00a0 ACCION DE TUTELA CONTRA ACTO ADMINISTRATIVO-Improcedencia general\/ACCION DE TUTELA CONTRA ACTO ADMINISTRATIVO-Procedencia excepcional \u00a0 DEBIDO PROCESO-Se debe observar en los procesos disciplinarios \u00a0 ACCION DE TUTELA-Improcedencia contra actos administrativos que imponen sanci\u00f3n disciplinaria \u00a0 La Corte ha indicado que, por regla general, es improcedente la acci\u00f3n de tutela cuando se dirige contra actos administrativos que imponen una sanci\u00f3n disciplinaria. \u00a0 \u00a0 ACCION DE TUTELA-Procedencia excepcional contra actos administrativos que imponen sanci\u00f3n disciplinaria \u00a0 Esta Corporaci\u00f3n ha sido precisa en distinguir los distintos supuestos f\u00e1cticos bajo los cuales procede la acci\u00f3n de ...<br \/><div class=\"pt-cv-rmwrap\"><a href=\"https:\/\/www.dmsjuridica.com\/buscador_20179478954\/corteconstitucionalcronologico202454587\/t-961-04\/\" class=\"_self pt-cv-readmore btn btn-success\" target=\"_self\">Ver Sentencia Completa...<\/a><\/div><\/div><\/div><\/div>\n<div class=\"col-md-12 col-sm-12 col-xs-12 pt-cv-content-item pt-cv-1-col\" ><div class='pt-cv-ifield'><a href=\"https:\/\/www.dmsjuridica.com\/buscador_20179478954\/corteconstitucionalcronologico202454587\/t-960-04\/\" class=\"_self pt-cv-href-thumbnail pt-cv-thumb-default\" target=\"_self\" ><\/a>\n<div class=\"pt-cv-taxoterm above_title\"><a href='https:\/\/www.dmsjuridica.com\/buscador_20179478954\/corteconstitucionalcronologico202454587\/category\/buscar-en-toda-la-corte\/2004\/tutelas-2004\/' title='Tutelas 2004' class='pt-cv-tax-tutelas-2004'>Tutelas 2004<\/a><\/div>\n<h4 class=\"pt-cv-title\"><a href=\"https:\/\/www.dmsjuridica.com\/buscador_20179478954\/corteconstitucionalcronologico202454587\/t-960-04\/\" class=\"_self\" target=\"_self\" >T-960-04<\/a><\/h4>\n<div class=\"pt-cv-content\">\u00a0 \u00a0 Sentencia T-960\/04 \u00a0 ACCION DE TUTELA-Procedencia excepcional pago de acreencias laborales \u00a0 DERECHO AL PAGO OPORTUNO DEL SALARIO-Fundamental\/DERECHO AL MINIMO VITAL DEL TRABAJADOR-Pago oportuno de salarios \u00a0 DERECHO AL MINIMO VITAL DEL TRABAJADOR-Hip\u00f3tesis f\u00e1cticas m\u00ednimas de vulneraci\u00f3n por no pago de salarios \u00a0 ACCION DE TUTELA-Indefensi\u00f3n del trabajador y su familia por no pago oportuno de salarios \u00a0 EMPLEADOR-Situaci\u00f3n econ\u00f3mica o presupuestal no es \u00f3bice para desconocer pago de salarios \u00a0 DERECHO AL MINIMO VITAL DEL TRABAJADOR-Incumplimiento salarial prolongado\/DERECHO AL MINIMO VITAL DEL TRABAJADOR-No se acredit\u00f3 que la peticionaria tuviera otros ingresos econ\u00f3micos \u00a0 Se trata de un ...<br \/><div class=\"pt-cv-rmwrap\"><a href=\"https:\/\/www.dmsjuridica.com\/buscador_20179478954\/corteconstitucionalcronologico202454587\/t-960-04\/\" class=\"_self pt-cv-readmore btn btn-success\" target=\"_self\">Ver Sentencia Completa...<\/a><\/div><\/div><\/div><\/div>\n<div class=\"col-md-12 col-sm-12 col-xs-12 pt-cv-content-item pt-cv-1-col\" ><div class='pt-cv-ifield'><a href=\"https:\/\/www.dmsjuridica.com\/buscador_20179478954\/corteconstitucionalcronologico202454587\/t-959-04\/\" class=\"_self pt-cv-href-thumbnail pt-cv-thumb-default\" target=\"_self\" ><\/a>\n<div class=\"pt-cv-taxoterm above_title\"><a href='https:\/\/www.dmsjuridica.com\/buscador_20179478954\/corteconstitucionalcronologico202454587\/category\/buscar-en-toda-la-corte\/2004\/tutelas-2004\/' title='Tutelas 2004' class='pt-cv-tax-tutelas-2004'>Tutelas 2004<\/a><\/div>\n<h4 class=\"pt-cv-title\"><a href=\"https:\/\/www.dmsjuridica.com\/buscador_20179478954\/corteconstitucionalcronologico202454587\/t-959-04\/\" class=\"_self\" target=\"_self\" >T-959-04<\/a><\/h4>\n<div class=\"pt-cv-content\">\u00a0 \u00a0 Sentencia T-959\/04 \u00a0 INAPLICACION DE NORMAS DEL PLAN OBLIGATORIO DE SALUD-Casos en que procede por exclusi\u00f3n de tratamientos y medicamentos de alto costo \u00a0 DERECHO A LA SALUD DEL NI\u00d1O-No se cumpli\u00f3 el requisito de la incapacidad econ\u00f3mica para cubrir tratamiento m\u00e9dico\/ENTIDAD PROMOTORA DE SALUD-No vulner\u00f3 derechos de la menor \u00a0 No se cumple con el requisito relativo a la incapacidad econ\u00f3mica \u00a0para cubrir el costo de los instrumentos m\u00e9dicos no incluidos en el POS, que hacen parte del tratamiento m\u00e9dico prescrito. Por tal raz\u00f3n esta Sala de Revisi\u00f3n confirmar\u00e1 el fallo proferido por el juez de primera ...<br \/><div class=\"pt-cv-rmwrap\"><a href=\"https:\/\/www.dmsjuridica.com\/buscador_20179478954\/corteconstitucionalcronologico202454587\/t-959-04\/\" class=\"_self pt-cv-readmore btn btn-success\" target=\"_self\">Ver Sentencia Completa...<\/a><\/div><\/div><\/div><\/div>\n<div class=\"col-md-12 col-sm-12 col-xs-12 pt-cv-content-item pt-cv-1-col\" ><div class='pt-cv-ifield'><a href=\"https:\/\/www.dmsjuridica.com\/buscador_20179478954\/corteconstitucionalcronologico202454587\/t-958-04\/\" class=\"_self pt-cv-href-thumbnail pt-cv-thumb-default\" target=\"_self\" ><\/a>\n<div class=\"pt-cv-taxoterm above_title\"><a href='https:\/\/www.dmsjuridica.com\/buscador_20179478954\/corteconstitucionalcronologico202454587\/category\/buscar-en-toda-la-corte\/2004\/tutelas-2004\/' title='Tutelas 2004' class='pt-cv-tax-tutelas-2004'>Tutelas 2004<\/a><\/div>\n<h4 class=\"pt-cv-title\"><a href=\"https:\/\/www.dmsjuridica.com\/buscador_20179478954\/corteconstitucionalcronologico202454587\/t-958-04\/\" class=\"_self\" target=\"_self\" >T-958-04<\/a><\/h4>\n<div class=\"pt-cv-content\">\u00a0 \u00a0 Sentencia T-958\/04 \u00a0 DERECHO DE PETICION EN MATERIA PENSIONAL-T\u00e9rminos para resolver \u00a0 DERECHO DE PETICION-Resoluci\u00f3n de solicitudes sobre reconocimiento de pensi\u00f3n de invalidez y atenci\u00f3n en salud \u00a0 DERECHO DE PETICION EN MATERIA PENSIONAL-T\u00e9rmino de quince d\u00edas \u00a0 El demandante ten\u00eda derecho a que la entidad se pronunciara sobre la solicitud de pensi\u00f3n vitalicia de invalidez radicada por el actor, dentro de los quince d\u00edas siguientes a la fecha de su presentaci\u00f3n, para informar al interesado lo que necesitaba para resolver, en qu\u00e9 momento responder\u00eda de fondo a la petici\u00f3n y por qu\u00e9 no le era posible contestar ...<br \/><div class=\"pt-cv-rmwrap\"><a href=\"https:\/\/www.dmsjuridica.com\/buscador_20179478954\/corteconstitucionalcronologico202454587\/t-958-04\/\" class=\"_self pt-cv-readmore btn btn-success\" target=\"_self\">Ver Sentencia Completa...<\/a><\/div><\/div><\/div><\/div>\n<div class=\"col-md-12 col-sm-12 col-xs-12 pt-cv-content-item pt-cv-1-col\" ><div class='pt-cv-ifield'><a href=\"https:\/\/www.dmsjuridica.com\/buscador_20179478954\/corteconstitucionalcronologico202454587\/t-957-04\/\" class=\"_self pt-cv-href-thumbnail pt-cv-thumb-default\" target=\"_self\" ><\/a>\n<div class=\"pt-cv-taxoterm above_title\"><a href='https:\/\/www.dmsjuridica.com\/buscador_20179478954\/corteconstitucionalcronologico202454587\/category\/buscar-en-toda-la-corte\/2004\/tutelas-2004\/' title='Tutelas 2004' class='pt-cv-tax-tutelas-2004'>Tutelas 2004<\/a><\/div>\n<h4 class=\"pt-cv-title\"><a href=\"https:\/\/www.dmsjuridica.com\/buscador_20179478954\/corteconstitucionalcronologico202454587\/t-957-04\/\" class=\"_self\" target=\"_self\" >T-957-04<\/a><\/h4>\n<div class=\"pt-cv-content\">\u00a0 \u00a0 Sentencia T-957\/04 \u00a0 DERECHO DE PETICION EN MATERIA PENSIONAL-Falta de decisi\u00f3n de fondo amenaza m\u00ednimo vital\u00a0 \u00a0 Es claro que las circunstancias que han llevado a la falta de decisi\u00f3n de fondo sobre el reconocimiento efectivo del derecho de la peticionaria a la pensi\u00f3n de jubilaci\u00f3n conllevan una amenaza seria y grave de su derecho al m\u00ednimo vital, puesto que han transcurrido diez meses sin que la actora reciba ingresos por concepto de salarios o de pensiones y est\u00e1 desprotegida en materia de salud. \u00a0 DERECHO DE PETICION EN MATERIA PENSIONAL-T\u00e9rminos para resolver \u00a0 DERECHO DE PETICION-Falta de ...<br \/><div class=\"pt-cv-rmwrap\"><a href=\"https:\/\/www.dmsjuridica.com\/buscador_20179478954\/corteconstitucionalcronologico202454587\/t-957-04\/\" class=\"_self pt-cv-readmore btn btn-success\" target=\"_self\">Ver Sentencia Completa...<\/a><\/div><\/div><\/div><\/div>\n<div class=\"col-md-12 col-sm-12 col-xs-12 pt-cv-content-item pt-cv-1-col\" ><div class='pt-cv-ifield'><a href=\"https:\/\/www.dmsjuridica.com\/buscador_20179478954\/corteconstitucionalcronologico202454587\/t-956-04\/\" class=\"_self pt-cv-href-thumbnail pt-cv-thumb-default\" target=\"_self\" ><\/a>\n<div class=\"pt-cv-taxoterm above_title\"><a href='https:\/\/www.dmsjuridica.com\/buscador_20179478954\/corteconstitucionalcronologico202454587\/category\/buscar-en-toda-la-corte\/2004\/tutelas-2004\/' title='Tutelas 2004' class='pt-cv-tax-tutelas-2004'>Tutelas 2004<\/a><\/div>\n<h4 class=\"pt-cv-title\"><a href=\"https:\/\/www.dmsjuridica.com\/buscador_20179478954\/corteconstitucionalcronologico202454587\/t-956-04\/\" class=\"_self\" target=\"_self\" >T-956-04<\/a><\/h4>\n<div class=\"pt-cv-content\">\u00a0 \u00a0 Sentencia T-956\/04 \u00a0 DERECHO A LA SALUD DEL NI\u00d1O-Fundamental\/DERECHOS FUNDAMENTALES DEL NI\u00d1O-Prevalencia \u00a0 DERECHOS DEL MENOR-Protecci\u00f3n especial para los menores de siete a\u00f1os\/DERECHO A LA SALUD DEL NI\u00d1O-Protecci\u00f3n especial para los menores de siete a\u00f1os \u00a0 La Constituci\u00f3n Nacional, las normas internacionales y la Ley, han previsto un tratamiento especial para los ni\u00f1os menores de siete a\u00f1os de edad con el fin de lograr la protecci\u00f3n efectiva que demanda este tipo de poblaci\u00f3n infantil y consecuentemente permitir que su derecho a la igualdad sea efectivo y no una simple falacia normativa. es claro que en aquellos casos en ...<br \/><div class=\"pt-cv-rmwrap\"><a href=\"https:\/\/www.dmsjuridica.com\/buscador_20179478954\/corteconstitucionalcronologico202454587\/t-956-04\/\" class=\"_self pt-cv-readmore btn btn-success\" target=\"_self\">Ver Sentencia Completa...<\/a><\/div><\/div><\/div><\/div>\n<div class=\"col-md-12 col-sm-12 col-xs-12 pt-cv-content-item pt-cv-1-col\" ><div class='pt-cv-ifield'><a href=\"https:\/\/www.dmsjuridica.com\/buscador_20179478954\/corteconstitucionalcronologico202454587\/t-955-04\/\" class=\"_self pt-cv-href-thumbnail pt-cv-thumb-default\" target=\"_self\" ><\/a>\n<div class=\"pt-cv-taxoterm above_title\"><a href='https:\/\/www.dmsjuridica.com\/buscador_20179478954\/corteconstitucionalcronologico202454587\/category\/buscar-en-toda-la-corte\/2004\/tutelas-2004\/' title='Tutelas 2004' class='pt-cv-tax-tutelas-2004'>Tutelas 2004<\/a><\/div>\n<h4 class=\"pt-cv-title\"><a href=\"https:\/\/www.dmsjuridica.com\/buscador_20179478954\/corteconstitucionalcronologico202454587\/t-955-04\/\" class=\"_self\" target=\"_self\" >T-955-04<\/a><\/h4>\n<div class=\"pt-cv-content\">\u00a0 \u00a0 Sentencia T-955\/04 \u00a0 DERECHO A UNA REMUNERACION JUSTA-No se utilizaron los recursos establecidos por la ley \u00a0 ACCION DE TUTELA-Improcedencia para revivir etapas procesales finalizadas \u00a0 ACCION DE TUTELA-Subsidiariedad\/ACCION DE TUTELA-Improcedencia por cuanto el actor no utiliz\u00f3 los medios de defensa oportunamente \u00a0 El accionante no puede aducir que sus garant\u00edas constitucionales fueron quebrantadas y que por consiguiente deben dejarse sin efecto las providencias que resolvieron sobre las nulidades, porque -como se vio- no hizo uso de los medios defensivos oportunamente, y la Carta Pol\u00edtica no concibe la acci\u00f3n de tutela como un mecanismo alternativo de defensa de ...<br \/><div class=\"pt-cv-rmwrap\"><a href=\"https:\/\/www.dmsjuridica.com\/buscador_20179478954\/corteconstitucionalcronologico202454587\/t-955-04\/\" class=\"_self pt-cv-readmore btn btn-success\" target=\"_self\">Ver Sentencia Completa...<\/a><\/div><\/div><\/div><\/div>\n<div class=\"col-md-12 col-sm-12 col-xs-12 pt-cv-content-item pt-cv-1-col\" ><div class='pt-cv-ifield'><a href=\"https:\/\/www.dmsjuridica.com\/buscador_20179478954\/corteconstitucionalcronologico202454587\/t-954-04\/\" class=\"_self pt-cv-href-thumbnail pt-cv-thumb-default\" target=\"_self\" ><\/a>\n<div class=\"pt-cv-taxoterm above_title\"><a href='https:\/\/www.dmsjuridica.com\/buscador_20179478954\/corteconstitucionalcronologico202454587\/category\/buscar-en-toda-la-corte\/2004\/tutelas-2004\/' title='Tutelas 2004' class='pt-cv-tax-tutelas-2004'>Tutelas 2004<\/a><\/div>\n<h4 class=\"pt-cv-title\"><a href=\"https:\/\/www.dmsjuridica.com\/buscador_20179478954\/corteconstitucionalcronologico202454587\/t-954-04\/\" class=\"_self\" target=\"_self\" >T-954-04<\/a><\/h4>\n<div class=\"pt-cv-content\">SUPERINTENDENCIA DE SOCIEDADES-Facultad para tramitar concordatos y liquidaciones obligatorias \u00a0 ACCION DE TUTELA-Protecci\u00f3n derechos fundamentales en asuntos jurisdiccionales confiados a las Superintendencias \u00a0 La acci\u00f3n de tutela viene a ser el mecanismo apropiado para defender los derechos fundamentales involucrados en los asuntos jurisdiccionales, confiados a las Superintendencias, en especial porque no existen mecanismos ordinarios de defensa judicial contra sus decisiones. \u00a0 DEBIDO PROCESO-Valoraci\u00f3n de pruebas en conjunto \u00a0 LEALTAD Y BUENA FE-Actuaci\u00f3n por las partes y los apoderados\/SANCION-Imposici\u00f3n a las partes y apoderados por actos temerarios o de mala fe \u00a0 SUPERINTENDENCIA DE SOCIEDADES-No pod\u00eda resolver sobre las objeciones propuestas ...<br \/><div class=\"pt-cv-rmwrap\"><a href=\"https:\/\/www.dmsjuridica.com\/buscador_20179478954\/corteconstitucionalcronologico202454587\/t-954-04\/\" class=\"_self pt-cv-readmore btn btn-success\" target=\"_self\">Ver Sentencia Completa...<\/a><\/div><\/div><\/div><\/div>\n<div class=\"col-md-12 col-sm-12 col-xs-12 pt-cv-content-item pt-cv-1-col\" ><div class='pt-cv-ifield'><a href=\"https:\/\/www.dmsjuridica.com\/buscador_20179478954\/corteconstitucionalcronologico202454587\/t-953-04\/\" class=\"_self pt-cv-href-thumbnail pt-cv-thumb-default\" target=\"_self\" ><\/a>\n<div class=\"pt-cv-taxoterm above_title\"><a href='https:\/\/www.dmsjuridica.com\/buscador_20179478954\/corteconstitucionalcronologico202454587\/category\/buscar-en-toda-la-corte\/2004\/tutelas-2004\/' title='Tutelas 2004' class='pt-cv-tax-tutelas-2004'>Tutelas 2004<\/a><\/div>\n<h4 class=\"pt-cv-title\"><a href=\"https:\/\/www.dmsjuridica.com\/buscador_20179478954\/corteconstitucionalcronologico202454587\/t-953-04\/\" class=\"_self\" target=\"_self\" >T-953-04<\/a><\/h4>\n<div class=\"pt-cv-content\">\u00a0 \u00a0 Sentencia T-953\/04 \u00a0 ACCION DE TUTELA TRANSITORIA-Existencia de perjuicio irremediable \u00a0 PERJUICIO IRREMEDIABLE-Elementos \u00a0 JUEZ-Provisi\u00f3n de cargos en la Rama Judicial \u00a0 FUNCIONARIO DE CARRERA JUDICIAL-Presupuestos para realizar traslados \u00a0 FUNCIONARIO DE CARRERA JUDICIAL-Traslado por motivos de salud de la c\u00f3nyuge\/FUNCIONARIO JUDICIAL-Procedimiento para llevar a cabo el traslado por motivos de salud de familiares \u00a0 CARRERA JUDICIAL-Elecci\u00f3n cuando concurre solicitud de traslado horizontal y hay lista de elegibles \u00a0 Cuando concurren una solicitud de traslado horizontal y un listado de elegibles, la elecci\u00f3n de qui\u00e9n debe ocupar la vacante debe hacerse atendiendo al m\u00e9rito y a las calidades ...<br \/><div class=\"pt-cv-rmwrap\"><a href=\"https:\/\/www.dmsjuridica.com\/buscador_20179478954\/corteconstitucionalcronologico202454587\/t-953-04\/\" class=\"_self pt-cv-readmore btn btn-success\" target=\"_self\">Ver Sentencia Completa...<\/a><\/div><\/div><\/div><\/div>\n<div class=\"col-md-12 col-sm-12 col-xs-12 pt-cv-content-item pt-cv-1-col\" ><div class='pt-cv-ifield'><a href=\"https:\/\/www.dmsjuridica.com\/buscador_20179478954\/corteconstitucionalcronologico202454587\/t-952-04\/\" class=\"_self pt-cv-href-thumbnail pt-cv-thumb-default\" target=\"_self\" ><\/a>\n<div class=\"pt-cv-taxoterm above_title\"><a href='https:\/\/www.dmsjuridica.com\/buscador_20179478954\/corteconstitucionalcronologico202454587\/category\/buscar-en-toda-la-corte\/2004\/tutelas-2004\/' title='Tutelas 2004' class='pt-cv-tax-tutelas-2004'>Tutelas 2004<\/a><\/div>\n<h4 class=\"pt-cv-title\"><a href=\"https:\/\/www.dmsjuridica.com\/buscador_20179478954\/corteconstitucionalcronologico202454587\/t-952-04\/\" class=\"_self\" target=\"_self\" >T-952-04<\/a><\/h4>\n<div class=\"pt-cv-content\">\u00a0 \u00a0 Sentencia T-952\/04 \u00a0 DERECHO DE PETICION-Respuesta oportuna y de fondo \u00a0 DERECHO DE PETICION EN MATERIA PENSIONAL-T\u00e9rminos para resolver \u00a0 PRESUNCION DE VERACIDAD EN TUTELA-Demandado no rinde informe solicitado por el juez \u00a0 Referencia: Expediente: T-932985 \u00a0 Actor: \u00c9dinson P\u00e9rez Berm\u00fadez \u00a0 Procedencia: Juzgado Segundo de Ejecuci\u00f3n de Penas y Medidas de Seguridad de Barranquilla \u00a0 Magistrado Ponente:\u00a0 \u00a0 Dr. MARCO GERARDO MONROY CABRA \u00a0 Bogot\u00e1 D. C., \u00a0siete (7) de octubre de dos mil cuatro (2004) \u00a0 La Sala Sexta de Revisi\u00f3n de la Corte Constitucional, integrada por los Magistrados doctores, Humberto Sierra Porto, \u00c1lvaro Tafur Galvis ...<br \/><div class=\"pt-cv-rmwrap\"><a href=\"https:\/\/www.dmsjuridica.com\/buscador_20179478954\/corteconstitucionalcronologico202454587\/t-952-04\/\" class=\"_self pt-cv-readmore btn btn-success\" target=\"_self\">Ver Sentencia Completa...<\/a><\/div><\/div><\/div><\/div>\n<div class=\"col-md-12 col-sm-12 col-xs-12 pt-cv-content-item pt-cv-1-col\" ><div class='pt-cv-ifield'><a href=\"https:\/\/www.dmsjuridica.com\/buscador_20179478954\/corteconstitucionalcronologico202454587\/t-951-04\/\" class=\"_self pt-cv-href-thumbnail pt-cv-thumb-default\" target=\"_self\" ><\/a>\n<div class=\"pt-cv-taxoterm above_title\"><a href='https:\/\/www.dmsjuridica.com\/buscador_20179478954\/corteconstitucionalcronologico202454587\/category\/buscar-en-toda-la-corte\/2004\/tutelas-2004\/' title='Tutelas 2004' class='pt-cv-tax-tutelas-2004'>Tutelas 2004<\/a><\/div>\n<h4 class=\"pt-cv-title\"><a href=\"https:\/\/www.dmsjuridica.com\/buscador_20179478954\/corteconstitucionalcronologico202454587\/t-951-04\/\" class=\"_self\" target=\"_self\" >T-951-04<\/a><\/h4>\n<div class=\"pt-cv-content\">\u00a0 \u00a0 Sentencia T-951\/04 \u00a0 ACCION DE TUTELA-No es el mecanismo para impugnar la legalidad de un acto administrativo \u00a0 La acci\u00f3n de tutela no es mecanismo judicial apropiado para impugnar la legalidad de un acto administrativo, as\u00ed como no lo es para obtener el reintegro a un cargo del cual el solicitante ha sido desvinculado. La jurisprudencia es clara al se\u00f1alar que las acciones contenciosas administrativas son las v\u00edas judiciales ordinarias de defensa con que cuentan los asociados para enfrentar la ilegalidad de los actos administrativos acusados de vulnerar derechos fundamentales. \u00a0 REINTEGRO AL CARGO-Improcedencia general de tutela \u00a0 ...<br \/><div class=\"pt-cv-rmwrap\"><a href=\"https:\/\/www.dmsjuridica.com\/buscador_20179478954\/corteconstitucionalcronologico202454587\/t-951-04\/\" class=\"_self pt-cv-readmore btn btn-success\" target=\"_self\">Ver Sentencia Completa...<\/a><\/div><\/div><\/div><\/div>\n<div class=\"col-md-12 col-sm-12 col-xs-12 pt-cv-content-item pt-cv-1-col\" ><div class='pt-cv-ifield'><a href=\"https:\/\/www.dmsjuridica.com\/buscador_20179478954\/corteconstitucionalcronologico202454587\/t-950-04\/\" class=\"_self pt-cv-href-thumbnail pt-cv-thumb-default\" target=\"_self\" ><\/a>\n<div class=\"pt-cv-taxoterm above_title\"><a href='https:\/\/www.dmsjuridica.com\/buscador_20179478954\/corteconstitucionalcronologico202454587\/category\/buscar-en-toda-la-corte\/2004\/tutelas-2004\/' title='Tutelas 2004' class='pt-cv-tax-tutelas-2004'>Tutelas 2004<\/a><\/div>\n<h4 class=\"pt-cv-title\"><a href=\"https:\/\/www.dmsjuridica.com\/buscador_20179478954\/corteconstitucionalcronologico202454587\/t-950-04\/\" class=\"_self\" target=\"_self\" >T-950-04<\/a><\/h4>\n<div class=\"pt-cv-content\">\u00a0 \u00a0 Sentencia T-950\/04 \u00a0 PRINCIPIO DE PUBLICIDAD-Rige la actividad del Estado \u00a0 PRINCIPIO DE PUBLICIDAD EN MATERIA LEGISLATIVA \u00a0 NORMA LEGAL-Omisi\u00f3n del verbo \u201crige\u201d en la frase de la ley 861 de 2003 \u00a0 El art\u00edculo 6\u00b0 de la Ley 861 expresa lo siguiente: \u201cLa presente ley a partir de su promulgaci\u00f3n\u201d. Como puede advertirse, a partir del texto trascrito, la frase carece de verbo. Considera la Sala, que la omisi\u00f3n del verbo que contiene el mandato corresponde a un error de trascripci\u00f3n que no tiene la entidad suficiente para permitir concluir que el legislador no hizo uso de ...<br \/><div class=\"pt-cv-rmwrap\"><a href=\"https:\/\/www.dmsjuridica.com\/buscador_20179478954\/corteconstitucionalcronologico202454587\/t-950-04\/\" class=\"_self pt-cv-readmore btn btn-success\" target=\"_self\">Ver Sentencia Completa...<\/a><\/div><\/div><\/div><\/div>\n<div class=\"col-md-12 col-sm-12 col-xs-12 pt-cv-content-item pt-cv-1-col\" ><div class='pt-cv-ifield'><a href=\"https:\/\/www.dmsjuridica.com\/buscador_20179478954\/corteconstitucionalcronologico202454587\/t-949-04\/\" class=\"_self pt-cv-href-thumbnail pt-cv-thumb-default\" target=\"_self\" ><\/a>\n<div class=\"pt-cv-taxoterm above_title\"><a href='https:\/\/www.dmsjuridica.com\/buscador_20179478954\/corteconstitucionalcronologico202454587\/category\/buscar-en-toda-la-corte\/2004\/tutelas-2004\/' title='Tutelas 2004' class='pt-cv-tax-tutelas-2004'>Tutelas 2004<\/a><\/div>\n<h4 class=\"pt-cv-title\"><a href=\"https:\/\/www.dmsjuridica.com\/buscador_20179478954\/corteconstitucionalcronologico202454587\/t-949-04\/\" class=\"_self\" target=\"_self\" >T-949-04<\/a><\/h4>\n<div class=\"pt-cv-content\">DERECHO A LA VIDA-No est\u00e1 limitado a la idea de peligro de muerte\/DERECHO A LA VIDA-Extensivo a dignidad y decoro \u00a0 Lo que pretende la jurisprudencia es entonces respetar un concepto de vida no limitado a la restrictiva idea de peligro de muerte, ni a la simple vida biol\u00f3gica, sino a consolidar un sentido m\u00e1s amplio de la existencia que se ate a las dimensiones de dignidad y decoro. Lo que se busca con dicha noci\u00f3n es preservar la situaci\u00f3n existencial de la vida humana en condiciones de plena dignidad, ya que, al hombre no se le debe una vida ...<br \/><div class=\"pt-cv-rmwrap\"><a href=\"https:\/\/www.dmsjuridica.com\/buscador_20179478954\/corteconstitucionalcronologico202454587\/t-949-04\/\" class=\"_self pt-cv-readmore btn btn-success\" target=\"_self\">Ver Sentencia Completa...<\/a><\/div><\/div><\/div><\/div>\n<div class=\"col-md-12 col-sm-12 col-xs-12 pt-cv-content-item pt-cv-1-col\" ><div class='pt-cv-ifield'><a href=\"https:\/\/www.dmsjuridica.com\/buscador_20179478954\/corteconstitucionalcronologico202454587\/t-948-04\/\" class=\"_self pt-cv-href-thumbnail pt-cv-thumb-default\" target=\"_self\" ><\/a>\n<div class=\"pt-cv-taxoterm above_title\"><a href='https:\/\/www.dmsjuridica.com\/buscador_20179478954\/corteconstitucionalcronologico202454587\/category\/buscar-en-toda-la-corte\/2004\/tutelas-2004\/' title='Tutelas 2004' class='pt-cv-tax-tutelas-2004'>Tutelas 2004<\/a><\/div>\n<h4 class=\"pt-cv-title\"><a href=\"https:\/\/www.dmsjuridica.com\/buscador_20179478954\/corteconstitucionalcronologico202454587\/t-948-04\/\" class=\"_self\" target=\"_self\" >T-948-04<\/a><\/h4>\n<div class=\"pt-cv-content\">\u00a0 \u00a0 Sentencia T-948\/04 \u00a0 DERECHO A LA VIDA DIGNA-No puede oponerse exclusiones legales de tratamientos y procedimientos quir\u00fargicos\/PLAN OBLIGATORIO DE SALUD-Exclusi\u00f3n de cirug\u00edas est\u00e9ticas o cosm\u00e9ticas \u00a0 DERECHO A LA SALUD-Cirug\u00eda de mamoplastia reductora \u00a0 INAPLICACION DE NORMAS DEL PLAN OBLIGATORIO DE SALUD-Pr\u00e1ctica de cirug\u00eda exclu\u00edda que no tiene fines est\u00e9ticos \u00a0 DERECHO A LA VIDA EN CONDICIONES DIGNAS Y JUSTAS-Nueva remisi\u00f3n al especialista\u00a0 \u00a0 ENTIDAD PROMOTORA DE SALUD-Cirug\u00eda de mamoplastia reductora \u00a0 Referencia: expediente T-936164 \u00a0 Acci\u00f3n de tutela instaurada por Natalia Acevedo Alvarez contra Saludcoop EPS. \u00a0 Magistrado Ponente : \u00a0 Dr. ALFREDO BELTR\u00c1N SIERRA. \u00a0 Bogot\u00e1, ...<br \/><div class=\"pt-cv-rmwrap\"><a href=\"https:\/\/www.dmsjuridica.com\/buscador_20179478954\/corteconstitucionalcronologico202454587\/t-948-04\/\" class=\"_self pt-cv-readmore btn btn-success\" target=\"_self\">Ver Sentencia Completa...<\/a><\/div><\/div><\/div><\/div>\n<div class=\"col-md-12 col-sm-12 col-xs-12 pt-cv-content-item pt-cv-1-col\" ><div class='pt-cv-ifield'><a href=\"https:\/\/www.dmsjuridica.com\/buscador_20179478954\/corteconstitucionalcronologico202454587\/t-947-04\/\" class=\"_self pt-cv-href-thumbnail pt-cv-thumb-default\" target=\"_self\" ><\/a>\n<div class=\"pt-cv-taxoterm above_title\"><a href='https:\/\/www.dmsjuridica.com\/buscador_20179478954\/corteconstitucionalcronologico202454587\/category\/buscar-en-toda-la-corte\/2004\/tutelas-2004\/' title='Tutelas 2004' class='pt-cv-tax-tutelas-2004'>Tutelas 2004<\/a><\/div>\n<h4 class=\"pt-cv-title\"><a href=\"https:\/\/www.dmsjuridica.com\/buscador_20179478954\/corteconstitucionalcronologico202454587\/t-947-04\/\" class=\"_self\" target=\"_self\" >T-947-04<\/a><\/h4>\n<div class=\"pt-cv-content\">\u00a0 \u00a0 Sentencia T-947\/04 \u00a0 ACCION DE TUTELA CONTRA PARTICULARES-Procedencia excepcional \u00a0 ACCION DE TUTELA CONTRA PARTICULARES-Subordinaci\u00f3n e indefensi\u00f3n \u00a0 DERECHO DE PETICION ANTE ORGANIZACIONES PRIVADAS-Alcance \u00a0 ACCION DE TUTELA CONTRA PARTICULARES-Omisi\u00f3n de la demandada en entregar lente de contacto ortop\u00e9dico vulnera derechos fundamentales \u00a0 ACCION DE TUTELA CONTRA PARTICULARES-Indefensi\u00f3n\u00a0 \u00a0 DERECHO A LA SALUD-Persona en situaci\u00f3n de indefensi\u00f3n que requiere protecci\u00f3n del Estado\/DERECHO A LA SALUD Y DIGNIDAD HUMANA-Entrega de lente de contacto ortop\u00e9dico\u00a0 \u00a0 Referencia: expediente T-963009 \u00a0 Peticionario: Mar\u00eda Miriam S\u00e1nchez Henao \u00a0 Magistrado Ponente: \u00a0 Dr. ALFREDO BELTR\u00c1N SIERRA \u00a0 Bogot\u00e1, D. C., siete (7) de ...<br \/><div class=\"pt-cv-rmwrap\"><a href=\"https:\/\/www.dmsjuridica.com\/buscador_20179478954\/corteconstitucionalcronologico202454587\/t-947-04\/\" class=\"_self pt-cv-readmore btn btn-success\" target=\"_self\">Ver Sentencia Completa...<\/a><\/div><\/div><\/div><\/div>\n<div class=\"col-md-12 col-sm-12 col-xs-12 pt-cv-content-item pt-cv-1-col\" ><div class='pt-cv-ifield'><a href=\"https:\/\/www.dmsjuridica.com\/buscador_20179478954\/corteconstitucionalcronologico202454587\/t-946-04\/\" class=\"_self pt-cv-href-thumbnail pt-cv-thumb-default\" target=\"_self\" ><\/a>\n<div class=\"pt-cv-taxoterm above_title\"><a href='https:\/\/www.dmsjuridica.com\/buscador_20179478954\/corteconstitucionalcronologico202454587\/category\/buscar-en-toda-la-corte\/2004\/tutelas-2004\/' title='Tutelas 2004' class='pt-cv-tax-tutelas-2004'>Tutelas 2004<\/a><\/div>\n<h4 class=\"pt-cv-title\"><a href=\"https:\/\/www.dmsjuridica.com\/buscador_20179478954\/corteconstitucionalcronologico202454587\/t-946-04\/\" class=\"_self\" target=\"_self\" >T-946-04<\/a><\/h4>\n<div class=\"pt-cv-content\">\u00a0 \u00a0 Sentencia T-946\/04 \u00a0 DERECHOS DEL NI\u00d1O-Fundamentales\/DERECHOS FUNDAMENTALES DEL NI\u00d1O-Prevalencia \u00a0 DERECHO A LA SALUD DEL NI\u00d1O-Autorizaci\u00f3n por la EPS de la cirug\u00eda solicitada \u00a0 Habr\u00e1 de reiterarse la jurisprudencia \u00a0de la Corte y conceder la protecci\u00f3n de los derechos del menor, por cuanto de conformidad con las pruebas anexas al expediente, es posible observar que anterior a las respuestas emitidas por las entidades \u00a0exist\u00eda el tr\u00e1mite de ordenes de cardiolog\u00eda pedi\u00e1trica que demuestran que s\u00ed es necesaria la intervenci\u00f3n con el dispositivo tipo Amplatzer antes mencionado, porque de lo contrario se habr\u00eda dado la facultad de elegir el ...<br \/><div class=\"pt-cv-rmwrap\"><a href=\"https:\/\/www.dmsjuridica.com\/buscador_20179478954\/corteconstitucionalcronologico202454587\/t-946-04\/\" class=\"_self pt-cv-readmore btn btn-success\" target=\"_self\">Ver Sentencia Completa...<\/a><\/div><\/div><\/div><\/div>\n<div class=\"col-md-12 col-sm-12 col-xs-12 pt-cv-content-item pt-cv-1-col\" ><div class='pt-cv-ifield'><a href=\"https:\/\/www.dmsjuridica.com\/buscador_20179478954\/corteconstitucionalcronologico202454587\/t-945-04\/\" class=\"_self pt-cv-href-thumbnail pt-cv-thumb-default\" target=\"_self\" ><\/a>\n<div class=\"pt-cv-taxoterm above_title\"><a href='https:\/\/www.dmsjuridica.com\/buscador_20179478954\/corteconstitucionalcronologico202454587\/category\/buscar-en-toda-la-corte\/2004\/tutelas-2004\/' title='Tutelas 2004' class='pt-cv-tax-tutelas-2004'>Tutelas 2004<\/a><\/div>\n<h4 class=\"pt-cv-title\"><a href=\"https:\/\/www.dmsjuridica.com\/buscador_20179478954\/corteconstitucionalcronologico202454587\/t-945-04\/\" class=\"_self\" target=\"_self\" >T-945-04<\/a><\/h4>\n<div class=\"pt-cv-content\">\u00a0 \u00a0 Sentencia T-945\/04 \u00a0 DERECHO A LA SALUD-Fundamental por conexidad \u00a0 DERECHO A LA VIDA-Comprende la subsistencia en condiciones dignas\u00a0 \u00a0 INAPLICACION DE NORMAS DEL PLAN OBLIGATORIO DE SALUD-Casos en que procede por exclusi\u00f3n de medicamentos y tratamientos de alto costo \u00a0 DERECHO A LA SALUD-Medicamento prescrito no est\u00e1 aprobado en Colombia\/DERECHO A LA SALUD-Nueva remisi\u00f3n al especialista para que se prescriba otro tratamiento \u00a0 El medicamento, tal y como fue prescrito por el m\u00e9dico tratante de la accionante, es decir, como principio activo para el tratamiento de la cistitis cr\u00f3nica, no est\u00e1 aprobado en Colombia para su expendio ...<br \/><div class=\"pt-cv-rmwrap\"><a href=\"https:\/\/www.dmsjuridica.com\/buscador_20179478954\/corteconstitucionalcronologico202454587\/t-945-04\/\" class=\"_self pt-cv-readmore btn btn-success\" target=\"_self\">Ver Sentencia Completa...<\/a><\/div><\/div><\/div><\/div>\n<div class=\"col-md-12 col-sm-12 col-xs-12 pt-cv-content-item pt-cv-1-col\" ><div class='pt-cv-ifield'><a href=\"https:\/\/www.dmsjuridica.com\/buscador_20179478954\/corteconstitucionalcronologico202454587\/t-944-04\/\" class=\"_self pt-cv-href-thumbnail pt-cv-thumb-default\" target=\"_self\" ><\/a>\n<div class=\"pt-cv-taxoterm above_title\"><a href='https:\/\/www.dmsjuridica.com\/buscador_20179478954\/corteconstitucionalcronologico202454587\/category\/buscar-en-toda-la-corte\/2004\/tutelas-2004\/' title='Tutelas 2004' class='pt-cv-tax-tutelas-2004'>Tutelas 2004<\/a><\/div>\n<h4 class=\"pt-cv-title\"><a href=\"https:\/\/www.dmsjuridica.com\/buscador_20179478954\/corteconstitucionalcronologico202454587\/t-944-04\/\" class=\"_self\" target=\"_self\" >T-944-04<\/a><\/h4>\n<div class=\"pt-cv-content\">\u00a0 \u00a0 Sentencia T-944\/04 \u00a0 MADRE CABEZA DE FAMILIA-Protecci\u00f3n especial \u00a0 La Corte ha explicado que una mujer es cabeza de familia cuando el grupo familiar est\u00e1 a su cargo. Aunque en el mismo art\u00edculo se incluye un par\u00e1grafo en el que se indica que la mujer deber\u00e1 declarar ante notario dicha situaci\u00f3n, tanto cuando la adquiera como cuando la pierda, para efectos de prueba, no es una condici\u00f3n que dependa de una formalidad jur\u00eddica. Con la categor\u00eda \u201cmujer cabeza de familia\u201d se pretende apoyar a la mujer a soportar la pesada carga que por razones, sociales, culturales e hist\u00f3ricas ...<br \/><div class=\"pt-cv-rmwrap\"><a href=\"https:\/\/www.dmsjuridica.com\/buscador_20179478954\/corteconstitucionalcronologico202454587\/t-944-04\/\" class=\"_self pt-cv-readmore btn btn-success\" target=\"_self\">Ver Sentencia Completa...<\/a><\/div><\/div><\/div><\/div>\n<div class=\"col-md-12 col-sm-12 col-xs-12 pt-cv-content-item pt-cv-1-col\" ><div class='pt-cv-ifield'><a href=\"https:\/\/www.dmsjuridica.com\/buscador_20179478954\/corteconstitucionalcronologico202454587\/t-943-04\/\" class=\"_self pt-cv-href-thumbnail pt-cv-thumb-default\" target=\"_self\" ><\/a>\n<div class=\"pt-cv-taxoterm above_title\"><a href='https:\/\/www.dmsjuridica.com\/buscador_20179478954\/corteconstitucionalcronologico202454587\/category\/buscar-en-toda-la-corte\/2004\/tutelas-2004\/' title='Tutelas 2004' class='pt-cv-tax-tutelas-2004'>Tutelas 2004<\/a><\/div>\n<h4 class=\"pt-cv-title\"><a href=\"https:\/\/www.dmsjuridica.com\/buscador_20179478954\/corteconstitucionalcronologico202454587\/t-943-04\/\" class=\"_self\" target=\"_self\" >T-943-04<\/a><\/h4>\n<div class=\"pt-cv-content\">\u00a0 \u00a0 Sentencia T-943\/04 \u00a0 DERECHO A LA EDUCACION DEL MENOR-Cupo en colegio distrital para cursar grado 0 por no cumplir requisito de edad \u00a0 Esta Sala concluye, que para poder adoptarse una decisi\u00f3n definitiva al respecto, se debe realizar una ponderaci\u00f3n de los hechos y circunstancias que rodean el caso en particular y en el que por lo dem\u00e1s, se debe tener presente una serie de factores entre los cuales se destacan: -Las condiciones socioecon\u00f3micas de los menores de edad afectados con la decisi\u00f3n de negarles el cupo. -Su proximidad con el cumplimiento de los requisitos establecidos por la ...<br \/><div class=\"pt-cv-rmwrap\"><a href=\"https:\/\/www.dmsjuridica.com\/buscador_20179478954\/corteconstitucionalcronologico202454587\/t-943-04\/\" class=\"_self pt-cv-readmore btn btn-success\" target=\"_self\">Ver Sentencia Completa...<\/a><\/div><\/div><\/div><\/div>\n<div class=\"col-md-12 col-sm-12 col-xs-12 pt-cv-content-item pt-cv-1-col\" ><div class='pt-cv-ifield'><a href=\"https:\/\/www.dmsjuridica.com\/buscador_20179478954\/corteconstitucionalcronologico202454587\/t-942-04\/\" class=\"_self pt-cv-href-thumbnail pt-cv-thumb-default\" target=\"_self\" ><\/a>\n<div class=\"pt-cv-taxoterm above_title\"><a href='https:\/\/www.dmsjuridica.com\/buscador_20179478954\/corteconstitucionalcronologico202454587\/category\/buscar-en-toda-la-corte\/2004\/tutelas-2004\/' title='Tutelas 2004' class='pt-cv-tax-tutelas-2004'>Tutelas 2004<\/a><\/div>\n<h4 class=\"pt-cv-title\"><a href=\"https:\/\/www.dmsjuridica.com\/buscador_20179478954\/corteconstitucionalcronologico202454587\/t-942-04\/\" class=\"_self\" target=\"_self\" >T-942-04<\/a><\/h4>\n<div class=\"pt-cv-content\">\u00a0 \u00a0 Sentencia T-942\/04 \u00a0 CUOTA ALIMENTARIA-Procedencia de la tutela para hacer efectiva obligaci\u00f3n del pagador o empleador de consignarla \u00a0 La acci\u00f3n de tutela es procedente, para hacer efectiva la obligaci\u00f3n del pagador o empleador del alimentante de consignar la cuota alimentaria que obliga al trabajador, en la cuant\u00eda y forma ordenada por el Juez de familia o municipal de la residencia del menor, sin perjuicio del deber de los funcionarios de tramitar el incidente a que se ha hecho referencia, en cuanto la solidaridad prevista en la norma no satisface la obligaci\u00f3n, pero la garantiza, ampliando la posibilidad ...<br \/><div class=\"pt-cv-rmwrap\"><a href=\"https:\/\/www.dmsjuridica.com\/buscador_20179478954\/corteconstitucionalcronologico202454587\/t-942-04\/\" class=\"_self pt-cv-readmore btn btn-success\" target=\"_self\">Ver Sentencia Completa...<\/a><\/div><\/div><\/div><\/div>\n<div class=\"col-md-12 col-sm-12 col-xs-12 pt-cv-content-item pt-cv-1-col\" ><div class='pt-cv-ifield'><a href=\"https:\/\/www.dmsjuridica.com\/buscador_20179478954\/corteconstitucionalcronologico202454587\/t-941-04\/\" class=\"_self pt-cv-href-thumbnail pt-cv-thumb-default\" target=\"_self\" ><\/a>\n<div class=\"pt-cv-taxoterm above_title\"><a href='https:\/\/www.dmsjuridica.com\/buscador_20179478954\/corteconstitucionalcronologico202454587\/category\/buscar-en-toda-la-corte\/2004\/tutelas-2004\/' title='Tutelas 2004' class='pt-cv-tax-tutelas-2004'>Tutelas 2004<\/a><\/div>\n<h4 class=\"pt-cv-title\"><a href=\"https:\/\/www.dmsjuridica.com\/buscador_20179478954\/corteconstitucionalcronologico202454587\/t-941-04\/\" class=\"_self\" target=\"_self\" >T-941-04<\/a><\/h4>\n<div class=\"pt-cv-content\">\u00a0 \u00a0 Sentencia T-941\/04 \u00a0 ACCION DE TUTELA-Hecho superado por pr\u00e1ctica de ecograf\u00eda a menor de edad \u00a0 Referencia: expediente T-929214 \u00a0 Accionante: Marina Gaviria L\u00f3pez\u00a0 \u00a0 Procedencia: Juzgado Promiscuo Municipal de Jard\u00edn-Antioquia \u00a0 Magistrado Ponente:\u00a0 \u00a0 Dr. MARCO GERARDO MONROY CABRA \u00a0 Bogot\u00e1 D. C., treinta (30) de septiembre de dos mil cuatro (2004) \u00a0 SENTENCIA \u00a0 En el proceso de revisi\u00f3n de la tutela n\u00famero T-929214, acci\u00f3n promovida por la ciudadana Marina Gaviria L\u00f3pez, en representaci\u00f3n de su hijo Carlos Arturo Bedoya Gaviria, contra COMFENALCO A.R.S. de Antioquia. El fallo fue proferido por el Juzgado Promiscuo Municipal de ...<br \/><div class=\"pt-cv-rmwrap\"><a href=\"https:\/\/www.dmsjuridica.com\/buscador_20179478954\/corteconstitucionalcronologico202454587\/t-941-04\/\" class=\"_self pt-cv-readmore btn btn-success\" target=\"_self\">Ver Sentencia Completa...<\/a><\/div><\/div><\/div><\/div>\n<div class=\"col-md-12 col-sm-12 col-xs-12 pt-cv-content-item pt-cv-1-col\" ><div class='pt-cv-ifield'><a href=\"https:\/\/www.dmsjuridica.com\/buscador_20179478954\/corteconstitucionalcronologico202454587\/t-940-04\/\" class=\"_self pt-cv-href-thumbnail pt-cv-thumb-default\" target=\"_self\" ><\/a>\n<div class=\"pt-cv-taxoterm above_title\"><a href='https:\/\/www.dmsjuridica.com\/buscador_20179478954\/corteconstitucionalcronologico202454587\/category\/buscar-en-toda-la-corte\/2004\/tutelas-2004\/' title='Tutelas 2004' class='pt-cv-tax-tutelas-2004'>Tutelas 2004<\/a><\/div>\n<h4 class=\"pt-cv-title\"><a href=\"https:\/\/www.dmsjuridica.com\/buscador_20179478954\/corteconstitucionalcronologico202454587\/t-940-04\/\" class=\"_self\" target=\"_self\" >T-940-04<\/a><\/h4>\n<div class=\"pt-cv-content\">\u00a0 \u00a0 Sentencia T-940\/04\u00a0 \u00a0 DERECHO A LA SALUD DEL MENOR-Suministro de medicamento para el hipotiroidismo \u00a0 PRESUNCION DE INCAPACIDAD ECONOMICA EN SALUD \u00a0 Debe advertirse que las afirmaciones de la actora en esta acci\u00f3n est\u00e1n cobijadas por una presunci\u00f3n de veracidad, al amparo del principio de la buena fe y m\u00e1s si se tiene en cuenta que no fueron cuestionadas por el ente accionado. Adem\u00e1s se trata de una persona clasificada en el primer (I) nivel del SISBEN, frente a quien existe una presunci\u00f3n de condiciones de precariedad socioecon\u00f3mica precisamente por el tipo de vinculaci\u00f3n al que fue acogida ...<br \/><div class=\"pt-cv-rmwrap\"><a href=\"https:\/\/www.dmsjuridica.com\/buscador_20179478954\/corteconstitucionalcronologico202454587\/t-940-04\/\" class=\"_self pt-cv-readmore btn btn-success\" target=\"_self\">Ver Sentencia Completa...<\/a><\/div><\/div><\/div><\/div>\n<div class=\"col-md-12 col-sm-12 col-xs-12 pt-cv-content-item pt-cv-1-col\" ><div class='pt-cv-ifield'><a href=\"https:\/\/www.dmsjuridica.com\/buscador_20179478954\/corteconstitucionalcronologico202454587\/t-939-04\/\" class=\"_self pt-cv-href-thumbnail pt-cv-thumb-default\" target=\"_self\" ><\/a>\n<div class=\"pt-cv-taxoterm above_title\"><a href='https:\/\/www.dmsjuridica.com\/buscador_20179478954\/corteconstitucionalcronologico202454587\/category\/buscar-en-toda-la-corte\/2004\/tutelas-2004\/' title='Tutelas 2004' class='pt-cv-tax-tutelas-2004'>Tutelas 2004<\/a><\/div>\n<h4 class=\"pt-cv-title\"><a href=\"https:\/\/www.dmsjuridica.com\/buscador_20179478954\/corteconstitucionalcronologico202454587\/t-939-04\/\" class=\"_self\" target=\"_self\" >T-939-04<\/a><\/h4>\n<div class=\"pt-cv-content\">\u00a0 \u00a0 Sentencia T-939\/04 \u00a0 ACCION DE TUTELA-Controversia econ\u00f3mica sobre pago de licencia de maternidad por empleador no afecta derechos fundamentales \u00a0 En el caso sub lite, la pretensi\u00f3n de la actora es quedar exonerada del pago de la licencia de maternidad, por cuanto pretende que la entidad demandada sea quien cancele a su trabajadora dicha suma. Aqu\u00ed, a la demandante, no se le ha vulnerado ning\u00fan derecho fundamental. Efectivamente, se plantea una controversia de orden econ\u00f3mico que no puede dirimir el juez de tutela, dado que \u00e9sta no es procede para obtener la soluci\u00f3n a este tipo de conflictos ...<br \/><div class=\"pt-cv-rmwrap\"><a href=\"https:\/\/www.dmsjuridica.com\/buscador_20179478954\/corteconstitucionalcronologico202454587\/t-939-04\/\" class=\"_self pt-cv-readmore btn btn-success\" target=\"_self\">Ver Sentencia Completa...<\/a><\/div><\/div><\/div><\/div>\n<div class=\"col-md-12 col-sm-12 col-xs-12 pt-cv-content-item pt-cv-1-col\" ><div class='pt-cv-ifield'><a href=\"https:\/\/www.dmsjuridica.com\/buscador_20179478954\/corteconstitucionalcronologico202454587\/t-930-04\/\" class=\"_self pt-cv-href-thumbnail pt-cv-thumb-default\" target=\"_self\" ><\/a>\n<div class=\"pt-cv-taxoterm above_title\"><a href='https:\/\/www.dmsjuridica.com\/buscador_20179478954\/corteconstitucionalcronologico202454587\/category\/buscar-en-toda-la-corte\/2004\/tutelas-2004\/' title='Tutelas 2004' class='pt-cv-tax-tutelas-2004'>Tutelas 2004<\/a><\/div>\n<h4 class=\"pt-cv-title\"><a href=\"https:\/\/www.dmsjuridica.com\/buscador_20179478954\/corteconstitucionalcronologico202454587\/t-930-04\/\" class=\"_self\" target=\"_self\" >T-930-04<\/a><\/h4>\n<div class=\"pt-cv-content\">\u00a0 \u00a0 Sentencia T-930\/04 \u00a0 ACCION DE TUTELA CONTRA PROVIDENCIAS JUDICIALES-Procedencia excepcional\u00a0 \u00a0 La procedencia excepcional de la acci\u00f3n de tutela para controvertir una actuaci\u00f3n judicial cuando la misma contiene una decisi\u00f3n arbitraria, es posible en la medida en que \u00e9sta repercuta en el desarrollo del proceso y lesione los derechos fundamentales de una de las partes, de manera que pueda ser objeto de an\u00e1lisis constitucional en sede de tutela. El papel del juez de tutela al evaluar las posibles v\u00edas de hecho de la acci\u00f3n judicial, est\u00e1 orientado a verificar si en la actuaci\u00f3n judicial se incurri\u00f3 en una ...<br \/><div class=\"pt-cv-rmwrap\"><a href=\"https:\/\/www.dmsjuridica.com\/buscador_20179478954\/corteconstitucionalcronologico202454587\/t-930-04\/\" class=\"_self pt-cv-readmore btn btn-success\" target=\"_self\">Ver Sentencia Completa...<\/a><\/div><\/div><\/div><\/div>\n<div class=\"col-md-12 col-sm-12 col-xs-12 pt-cv-content-item pt-cv-1-col\" ><div class='pt-cv-ifield'><a href=\"https:\/\/www.dmsjuridica.com\/buscador_20179478954\/corteconstitucionalcronologico202454587\/t-929-04\/\" class=\"_self pt-cv-href-thumbnail pt-cv-thumb-default\" target=\"_self\" ><\/a>\n<div class=\"pt-cv-taxoterm above_title\"><a href='https:\/\/www.dmsjuridica.com\/buscador_20179478954\/corteconstitucionalcronologico202454587\/category\/buscar-en-toda-la-corte\/2004\/tutelas-2004\/' title='Tutelas 2004' class='pt-cv-tax-tutelas-2004'>Tutelas 2004<\/a><\/div>\n<h4 class=\"pt-cv-title\"><a href=\"https:\/\/www.dmsjuridica.com\/buscador_20179478954\/corteconstitucionalcronologico202454587\/t-929-04\/\" class=\"_self\" target=\"_self\" >T-929-04<\/a><\/h4>\n<div class=\"pt-cv-content\">\u00a0 \u00a0 Sentencia T-929\/04 \u00a0 LICENCIA DE MATERNIDAD-Procedencia excepcional de tutela para el pago \u00a0 LICENCIA DE MATERNIDAD-Pago por allanamiento a la mora por EPS \u00a0 ENTIDAD PROMOTORA DE SALUD-No puede negar el pago de la licencia de maternidad excus\u00e1ndose en que los pagos fueron extempor\u00e1neos \u00a0 Referencia: expediente T-928968 \u00a0 Accionante: M\u00f3nica Ortega Palacios \u00a0 Demandado: SaludCoop E.P.S. \u00a0 Magistrado Ponente:\u00a0 \u00a0 Dr. RODRIGO ESCOBAR GIL \u00a0 Bogot\u00e1, D. C., veinticuatro (24) de septiembre de dos mil cuatro (2004). \u00a0 La Sala Quinta de Revisi\u00f3n de la Corte Constitucional, integrada por los Magistrados Rodrigo Escobar Gil - Presidente -, ...<br \/><div class=\"pt-cv-rmwrap\"><a href=\"https:\/\/www.dmsjuridica.com\/buscador_20179478954\/corteconstitucionalcronologico202454587\/t-929-04\/\" class=\"_self pt-cv-readmore btn btn-success\" target=\"_self\">Ver Sentencia Completa...<\/a><\/div><\/div><\/div><\/div>\n<div class=\"col-md-12 col-sm-12 col-xs-12 pt-cv-content-item pt-cv-1-col\" ><div class='pt-cv-ifield'><a href=\"https:\/\/www.dmsjuridica.com\/buscador_20179478954\/corteconstitucionalcronologico202454587\/t-928-04\/\" class=\"_self pt-cv-href-thumbnail pt-cv-thumb-default\" target=\"_self\" ><\/a>\n<div class=\"pt-cv-taxoterm above_title\"><a href='https:\/\/www.dmsjuridica.com\/buscador_20179478954\/corteconstitucionalcronologico202454587\/category\/buscar-en-toda-la-corte\/2004\/tutelas-2004\/' title='Tutelas 2004' class='pt-cv-tax-tutelas-2004'>Tutelas 2004<\/a><\/div>\n<h4 class=\"pt-cv-title\"><a href=\"https:\/\/www.dmsjuridica.com\/buscador_20179478954\/corteconstitucionalcronologico202454587\/t-928-04\/\" class=\"_self\" target=\"_self\" >T-928-04<\/a><\/h4>\n<div class=\"pt-cv-content\">\u00a0 \u00a0 Sentencia T-928\/04 \u00a0 DISCRECIONALIDAD ADMINISTRATIVA Y ARBITRARIEDAD ADMINISTRATIVA\u00a0 \u00a0 En t\u00e9rminos generales las actuaciones de la administraci\u00f3n se encuentran en mayor o menor medida reguladas, en virtud del principio de legalidad que establece el art\u00edculo 6 de la Constituci\u00f3n Pol\u00edtica. En este orden de ideas, tenemos que en algunos casos la Ley define completa y detalladamente el \u00e1mbito de acci\u00f3n de administraci\u00f3n, como cuando determina aspectos relacionados con la jurisdicci\u00f3n, competencia, oportunidad, funci\u00f3n, finalidad y sentido de la decisi\u00f3n; mientras que en otros permite que la administraci\u00f3n ejerza su acci\u00f3n dentro de una \u00f3rbita de libertad, facultando a ...<br \/><div class=\"pt-cv-rmwrap\"><a href=\"https:\/\/www.dmsjuridica.com\/buscador_20179478954\/corteconstitucionalcronologico202454587\/t-928-04\/\" class=\"_self pt-cv-readmore btn btn-success\" target=\"_self\">Ver Sentencia Completa...<\/a><\/div><\/div><\/div><\/div>\n<div class=\"col-md-12 col-sm-12 col-xs-12 pt-cv-content-item pt-cv-1-col\" ><div class='pt-cv-ifield'><a href=\"https:\/\/www.dmsjuridica.com\/buscador_20179478954\/corteconstitucionalcronologico202454587\/t-927-04\/\" class=\"_self pt-cv-href-thumbnail pt-cv-thumb-default\" target=\"_self\" ><\/a>\n<div class=\"pt-cv-taxoterm above_title\"><a href='https:\/\/www.dmsjuridica.com\/buscador_20179478954\/corteconstitucionalcronologico202454587\/category\/buscar-en-toda-la-corte\/2004\/tutelas-2004\/' title='Tutelas 2004' class='pt-cv-tax-tutelas-2004'>Tutelas 2004<\/a><\/div>\n<h4 class=\"pt-cv-title\"><a href=\"https:\/\/www.dmsjuridica.com\/buscador_20179478954\/corteconstitucionalcronologico202454587\/t-927-04\/\" class=\"_self\" target=\"_self\" >T-927-04<\/a><\/h4>\n<div class=\"pt-cv-content\">\u00a0 \u00a0 Sentencia T-927\/04 \u00a0 DERECHO A LA SALUD-Pr\u00e1ctica de cateterismo \u00a0 DERECHO A LA SALUD-No se pueden oponer periodos m\u00ednimos de cotizaci\u00f3n ante situaciones de urgencia \u00a0 ACCION DE REPETICION POR ENTIDAD PROMOTORA DE SALUD-Suministro de tratamiento de alto costo sin cumplir periodo m\u00ednimo de cotizaci\u00f3n \u00a0 Es necesario recordar a la luz de la jurisprudencia de esta Corporaci\u00f3n, cuando se deba ponderar el derecho a la salud en conexidad con la vida de un paciente que no cuenta con el periodo m\u00ednimo de cotizaci\u00f3n y el inter\u00e9s econ\u00f3mico propio de las Empresas Promotoras de Salud, los jueces constitucionales ...<br \/><div class=\"pt-cv-rmwrap\"><a href=\"https:\/\/www.dmsjuridica.com\/buscador_20179478954\/corteconstitucionalcronologico202454587\/t-927-04\/\" class=\"_self pt-cv-readmore btn btn-success\" target=\"_self\">Ver Sentencia Completa...<\/a><\/div><\/div><\/div><\/div>\n<div class=\"col-md-12 col-sm-12 col-xs-12 pt-cv-content-item pt-cv-1-col\" ><div class='pt-cv-ifield'><a href=\"https:\/\/www.dmsjuridica.com\/buscador_20179478954\/corteconstitucionalcronologico202454587\/t-926-04\/\" class=\"_self pt-cv-href-thumbnail pt-cv-thumb-default\" target=\"_self\" ><\/a>\n<div class=\"pt-cv-taxoterm above_title\"><a href='https:\/\/www.dmsjuridica.com\/buscador_20179478954\/corteconstitucionalcronologico202454587\/category\/buscar-en-toda-la-corte\/2004\/tutelas-2004\/' title='Tutelas 2004' class='pt-cv-tax-tutelas-2004'>Tutelas 2004<\/a><\/div>\n<h4 class=\"pt-cv-title\"><a href=\"https:\/\/www.dmsjuridica.com\/buscador_20179478954\/corteconstitucionalcronologico202454587\/t-926-04\/\" class=\"_self\" target=\"_self\" >T-926-04<\/a><\/h4>\n<div class=\"pt-cv-content\">\u00a0 \u00a0 Sentencia T-926\/04 \u00a0 DERECHO A LA SALUD-Suministro de medicamento \u00a0 En reiterada jurisprudencia se advierte que el juez constitucional al dar una orden, debe ponderar el derecho a la salud en conexidad con la vida de un paciente que requiere el suministro de un medicamento excluido del POS y que no est\u00e1 en capacidad econ\u00f3mica de asumir y el inter\u00e9s econ\u00f3mico propio de las Empresas Promotoras de Salud, a fin de conciliar los intereses enfrentados y lograr el equilibrio entre la protecci\u00f3n de uno y otro derecho. En otras palabras, el inter\u00e9s econ\u00f3mico de las Empresas Promotoras de ...<br \/><div class=\"pt-cv-rmwrap\"><a href=\"https:\/\/www.dmsjuridica.com\/buscador_20179478954\/corteconstitucionalcronologico202454587\/t-926-04\/\" class=\"_self pt-cv-readmore btn btn-success\" target=\"_self\">Ver Sentencia Completa...<\/a><\/div><\/div><\/div><\/div>\n<div class=\"col-md-12 col-sm-12 col-xs-12 pt-cv-content-item pt-cv-1-col\" ><div class='pt-cv-ifield'><a href=\"https:\/\/www.dmsjuridica.com\/buscador_20179478954\/corteconstitucionalcronologico202454587\/t-925-04\/\" class=\"_self pt-cv-href-thumbnail pt-cv-thumb-default\" target=\"_self\" ><\/a>\n<div class=\"pt-cv-taxoterm above_title\"><a href='https:\/\/www.dmsjuridica.com\/buscador_20179478954\/corteconstitucionalcronologico202454587\/category\/buscar-en-toda-la-corte\/2004\/tutelas-2004\/' title='Tutelas 2004' class='pt-cv-tax-tutelas-2004'>Tutelas 2004<\/a><\/div>\n<h4 class=\"pt-cv-title\"><a href=\"https:\/\/www.dmsjuridica.com\/buscador_20179478954\/corteconstitucionalcronologico202454587\/t-925-04\/\" class=\"_self\" target=\"_self\" >T-925-04<\/a><\/h4>\n<div class=\"pt-cv-content\">\u00a0 \u00a0 Sentencia T-925\/04 \u00a0 ESTABILIDAD LABORAL REFORZADA PARA DETERMINADOS GRUPOS DE PERSONAS \u00a0 ESTABILIDAD LABORAL EN EL PROGRAMA DE RENOVACION DE LA ADMINISTRACION PUBLICA-Protecci\u00f3n especial \u00a0 INDEMNIZACION POR DESPIDO INJUSTO-Caso de desvinculaci\u00f3n de sujetos constitucionalmente protegidos \u00a0 La Sala llama la atenci\u00f3n sobre el hecho que la jurisprudencia -en la que por el simple hecho de la indemnizaci\u00f3n se desvirt\u00faa la configuraci\u00f3n de un perjuicio irremediable-, alude de manera gen\u00e9rica a las desvinculaciones que se producen en los procesos de reestructuraci\u00f3n en el sector p\u00fablico, en tanto que la situaci\u00f3n que se analiza corresponde a \u00a0la desvinculaci\u00f3n de un ...<br \/><div class=\"pt-cv-rmwrap\"><a href=\"https:\/\/www.dmsjuridica.com\/buscador_20179478954\/corteconstitucionalcronologico202454587\/t-925-04\/\" class=\"_self pt-cv-readmore btn btn-success\" target=\"_self\">Ver Sentencia Completa...<\/a><\/div><\/div><\/div><\/div>\n<div class=\"col-md-12 col-sm-12 col-xs-12 pt-cv-content-item pt-cv-1-col\" ><div class='pt-cv-ifield'><a href=\"https:\/\/www.dmsjuridica.com\/buscador_20179478954\/corteconstitucionalcronologico202454587\/t-924-04\/\" class=\"_self pt-cv-href-thumbnail pt-cv-thumb-default\" target=\"_self\" ><\/a>\n<div class=\"pt-cv-taxoterm above_title\"><a href='https:\/\/www.dmsjuridica.com\/buscador_20179478954\/corteconstitucionalcronologico202454587\/category\/buscar-en-toda-la-corte\/2004\/tutelas-2004\/' title='Tutelas 2004' class='pt-cv-tax-tutelas-2004'>Tutelas 2004<\/a><\/div>\n<h4 class=\"pt-cv-title\"><a href=\"https:\/\/www.dmsjuridica.com\/buscador_20179478954\/corteconstitucionalcronologico202454587\/t-924-04\/\" class=\"_self\" target=\"_self\" >T-924-04<\/a><\/h4>\n<div class=\"pt-cv-content\">\u00a0 \u00a0 Sentencia T-924\/04 \u00a0 AGENCIA OFICIOSA EN TUTELA-Madre en representaci\u00f3n de hija mayor de edad enferma \u00a0 Se desconoce que una persona que sufre de estos padecimientos, puede sufrir reca\u00eddas en cualquier momento, que le impiden su movilidad y afectan su estado de \u00e1nimo. Atendiendo al principio de la buena fe, el juzgado de primera instancia debi\u00f3 observar lo se\u00f1alado por la demandante en su escrito de tutela, en donde precis\u00f3 que actuaba en representaci\u00f3n de su hija, \u201cquien debido a su estado de incapacidad no puede acudir por s\u00ed sola a presentar la presente acci\u00f3n\u201d. En consecuencia, en ...<br \/><div class=\"pt-cv-rmwrap\"><a href=\"https:\/\/www.dmsjuridica.com\/buscador_20179478954\/corteconstitucionalcronologico202454587\/t-924-04\/\" class=\"_self pt-cv-readmore btn btn-success\" target=\"_self\">Ver Sentencia Completa...<\/a><\/div><\/div><\/div><\/div>\n<div class=\"col-md-12 col-sm-12 col-xs-12 pt-cv-content-item pt-cv-1-col\" ><div class='pt-cv-ifield'><a href=\"https:\/\/www.dmsjuridica.com\/buscador_20179478954\/corteconstitucionalcronologico202454587\/t-923-04\/\" class=\"_self pt-cv-href-thumbnail pt-cv-thumb-default\" target=\"_self\" ><\/a>\n<div class=\"pt-cv-taxoterm above_title\"><a href='https:\/\/www.dmsjuridica.com\/buscador_20179478954\/corteconstitucionalcronologico202454587\/category\/buscar-en-toda-la-corte\/2004\/tutelas-2004\/' title='Tutelas 2004' class='pt-cv-tax-tutelas-2004'>Tutelas 2004<\/a><\/div>\n<h4 class=\"pt-cv-title\"><a href=\"https:\/\/www.dmsjuridica.com\/buscador_20179478954\/corteconstitucionalcronologico202454587\/t-923-04\/\" class=\"_self\" target=\"_self\" >T-923-04<\/a><\/h4>\n<div class=\"pt-cv-content\">\u00a0 \u00a0 Sentencia T-923\/04 \u00a0 ACCION DE TUTELA CONTRA PROVIDENCIAS \u00a0JUDICIALES-Procedencia excepcional \u00a0 La acci\u00f3n de tutela contra providencias judiciales es de car\u00e1cter excepcional y extraordinario, como lo ha advertido la Corte en reiterada jurisprudencia. Sin embargo, se puede invocar cuando la decisi\u00f3n judicial que se analiza constituye una v\u00eda de hecho que tenga como consecuencia el desconocimiento de derechos fundamentales en oposici\u00f3n manifiesta a las normas constitucionales o legales aplicables al caso, siempre y cuando el ordenamiento no prevea otro mecanismo para cuestionar la decisi\u00f3n. \u00a0 ACCION DE TUTELA CONTRA PROVIDENCIAS JUDICIALES POR VIA DE HECHO-Vulneraci\u00f3n de derechos fundamentales ...<br \/><div class=\"pt-cv-rmwrap\"><a href=\"https:\/\/www.dmsjuridica.com\/buscador_20179478954\/corteconstitucionalcronologico202454587\/t-923-04\/\" class=\"_self pt-cv-readmore btn btn-success\" target=\"_self\">Ver Sentencia Completa...<\/a><\/div><\/div><\/div><\/div>\n<div class=\"col-md-12 col-sm-12 col-xs-12 pt-cv-content-item pt-cv-1-col\" ><div class='pt-cv-ifield'><a href=\"https:\/\/www.dmsjuridica.com\/buscador_20179478954\/corteconstitucionalcronologico202454587\/t-922-04\/\" class=\"_self pt-cv-href-thumbnail pt-cv-thumb-default\" target=\"_self\" ><\/a>\n<div class=\"pt-cv-taxoterm above_title\"><a href='https:\/\/www.dmsjuridica.com\/buscador_20179478954\/corteconstitucionalcronologico202454587\/category\/buscar-en-toda-la-corte\/2004\/tutelas-2004\/' title='Tutelas 2004' class='pt-cv-tax-tutelas-2004'>Tutelas 2004<\/a><\/div>\n<h4 class=\"pt-cv-title\"><a href=\"https:\/\/www.dmsjuridica.com\/buscador_20179478954\/corteconstitucionalcronologico202454587\/t-922-04\/\" class=\"_self\" target=\"_self\" >T-922-04<\/a><\/h4>\n<div class=\"pt-cv-content\">\u00a0 \u00a0 Sentencia T-922\/04 \u00a0 LICENCIA DE MATERNIDAD-Procedencia excepcional de tutela para el pago \u00a0 LICENCIA DE MATERNIDAD-Pago por allanamiento a la mora por EPS \u00a0 ENTIDAD PROMOTORA DE SALUD-No puede negar el pago de la licencia de maternidad excus\u00e1ndose en que los pagos fueron extempor\u00e1neos \u00a0 Reiteraci\u00f3n de Jurisprudencia \u00a0 Referencia: expediente T-930369 \u00a0 Acci\u00f3n de tutela instaurada por Saira Carolina Cabra S\u00e1nchez contra Saludcoop E.P.S. \u00a0 Magistrado Ponente: \u00a0 Bogot\u00e1 D. C., veintitr\u00e9s (23) de septiembre de dos mil cuatro (2004). \u00a0 La Sala S\u00e9ptima de Revisi\u00f3n de la Corte Constitucional integrada por los magistrados Clara In\u00e9s Vargas ...<br \/><div class=\"pt-cv-rmwrap\"><a href=\"https:\/\/www.dmsjuridica.com\/buscador_20179478954\/corteconstitucionalcronologico202454587\/t-922-04\/\" class=\"_self pt-cv-readmore btn btn-success\" target=\"_self\">Ver Sentencia Completa...<\/a><\/div><\/div><\/div><\/div>\n<div class=\"col-md-12 col-sm-12 col-xs-12 pt-cv-content-item pt-cv-1-col\" ><div class='pt-cv-ifield'><a href=\"https:\/\/www.dmsjuridica.com\/buscador_20179478954\/corteconstitucionalcronologico202454587\/t-921-04\/\" class=\"_self pt-cv-href-thumbnail pt-cv-thumb-default\" target=\"_self\" ><\/a>\n<div class=\"pt-cv-taxoterm above_title\"><a href='https:\/\/www.dmsjuridica.com\/buscador_20179478954\/corteconstitucionalcronologico202454587\/category\/buscar-en-toda-la-corte\/2004\/tutelas-2004\/' title='Tutelas 2004' class='pt-cv-tax-tutelas-2004'>Tutelas 2004<\/a><\/div>\n<h4 class=\"pt-cv-title\"><a href=\"https:\/\/www.dmsjuridica.com\/buscador_20179478954\/corteconstitucionalcronologico202454587\/t-921-04\/\" class=\"_self\" target=\"_self\" >T-921-04<\/a><\/h4>\n<div class=\"pt-cv-content\">\u00a0 \u00a0 Sentencia T-921\/04 \u00a0 DERECHO A LA SALUD DEL ENFERMO DE SIDA-Improcedencia de entrega de suplemento alimenticio \u00a0 La falta del suplemento formulado no amenaza la vida o la integridad f\u00edsica del accionante, lo que se deduce de lo afirmado por la entidad demandada al decir que estos suplementos no est\u00e1n dentro de la categor\u00eda de medicamentos sino que son un complemento adicional en la nutrici\u00f3n; en segundo lugar, no prueba el accionante que no puedan ser reemplazados por otro u otros de igual efecto que s\u00ed est\u00e9 en el P.O.S.; en tercer lugar, el accionante devenga un salario ...<br \/><div class=\"pt-cv-rmwrap\"><a href=\"https:\/\/www.dmsjuridica.com\/buscador_20179478954\/corteconstitucionalcronologico202454587\/t-921-04\/\" class=\"_self pt-cv-readmore btn btn-success\" target=\"_self\">Ver Sentencia Completa...<\/a><\/div><\/div><\/div><\/div>\n<div class=\"col-md-12 col-sm-12 col-xs-12 pt-cv-content-item pt-cv-1-col\" ><div class='pt-cv-ifield'><a href=\"https:\/\/www.dmsjuridica.com\/buscador_20179478954\/corteconstitucionalcronologico202454587\/t-920-04\/\" class=\"_self pt-cv-href-thumbnail pt-cv-thumb-default\" target=\"_self\" ><\/a>\n<div class=\"pt-cv-taxoterm above_title\"><a href='https:\/\/www.dmsjuridica.com\/buscador_20179478954\/corteconstitucionalcronologico202454587\/category\/buscar-en-toda-la-corte\/2004\/tutelas-2004\/' title='Tutelas 2004' class='pt-cv-tax-tutelas-2004'>Tutelas 2004<\/a><\/div>\n<h4 class=\"pt-cv-title\"><a href=\"https:\/\/www.dmsjuridica.com\/buscador_20179478954\/corteconstitucionalcronologico202454587\/t-920-04\/\" class=\"_self\" target=\"_self\" >T-920-04<\/a><\/h4>\n<div class=\"pt-cv-content\">ACCION DE TUTELA CONTRA TRIBUNAL DE ARBITRAMENTO Y DEBIDO PROCESO-Interpretaci\u00f3n de cl\u00e1usulas del contrato es razonable\/ACCION DE TUTELA CONTRA TRIBUNAL DE ARBITRAMENTO Y DEBIDO PROCESO-No se prob\u00f3 violaci\u00f3n \u00a0 VIA DE HECHO POR DICTAMEN PERICIAL EN PROCEDIMIENTO ARBITRAL \u00a0 VIA DE HECHO EN DECISIONES DE TRIBUNAL DE ARBITRAMENTO-Procedencia \u00a0 Tanto jueces como \u00e1rbitros pueden llegar a incurrir en v\u00edas de hecho en su labor de administrar justicia. Es necesario para estar incurso en tal figura haber actuado arbitrariamente. La arbitrariedad en la actividad de los jueces de la Rep\u00fablica se ha encuadrado dentro de las siguientes tipos de defectos: org\u00e1nico, ...<br \/><div class=\"pt-cv-rmwrap\"><a href=\"https:\/\/www.dmsjuridica.com\/buscador_20179478954\/corteconstitucionalcronologico202454587\/t-920-04\/\" class=\"_self pt-cv-readmore btn btn-success\" target=\"_self\">Ver Sentencia Completa...<\/a><\/div><\/div><\/div><\/div>\n<div class=\"col-md-12 col-sm-12 col-xs-12 pt-cv-content-item pt-cv-1-col\" ><div class='pt-cv-ifield'><a href=\"https:\/\/www.dmsjuridica.com\/buscador_20179478954\/corteconstitucionalcronologico202454587\/t-919-04\/\" class=\"_self pt-cv-href-thumbnail pt-cv-thumb-default\" target=\"_self\" ><\/a>\n<div class=\"pt-cv-taxoterm above_title\"><a href='https:\/\/www.dmsjuridica.com\/buscador_20179478954\/corteconstitucionalcronologico202454587\/category\/buscar-en-toda-la-corte\/2004\/tutelas-2004\/' title='Tutelas 2004' class='pt-cv-tax-tutelas-2004'>Tutelas 2004<\/a><\/div>\n<h4 class=\"pt-cv-title\"><a href=\"https:\/\/www.dmsjuridica.com\/buscador_20179478954\/corteconstitucionalcronologico202454587\/t-919-04\/\" class=\"_self\" target=\"_self\" >T-919-04<\/a><\/h4>\n<div class=\"pt-cv-content\">ACCION DE TUTELA-Inexistencia de temeridad aunque se presentaron dos tutelas \u00a0 Si existiera temeridad, \u00e9sta tendr\u00eda que predicarse de la segunda acci\u00f3n, pero como \u00e9sta no fue seleccionada por la Corporaci\u00f3n para ser revisada, esta Sala de Revisi\u00f3n no tiene competencia para pronunciarse al respecto. Adem\u00e1s, aunque la Corte la hubiese seleccionado, tampoco habr\u00eda lugar a la declaraci\u00f3n de temeridad, ya que, por un lado, no se evidencia una identidad de accionados - la tutela que se revisa fue presentada en contra del Municipio de Caicedonia y de la Secretar\u00eda de Salud del mismo Municipio, y la segunda demanda en ...<br \/><div class=\"pt-cv-rmwrap\"><a href=\"https:\/\/www.dmsjuridica.com\/buscador_20179478954\/corteconstitucionalcronologico202454587\/t-919-04\/\" class=\"_self pt-cv-readmore btn btn-success\" target=\"_self\">Ver Sentencia Completa...<\/a><\/div><\/div><\/div><\/div>\n<div class=\"col-md-12 col-sm-12 col-xs-12 pt-cv-content-item pt-cv-1-col\" ><div class='pt-cv-ifield'><a href=\"https:\/\/www.dmsjuridica.com\/buscador_20179478954\/corteconstitucionalcronologico202454587\/t-918-04\/\" class=\"_self pt-cv-href-thumbnail pt-cv-thumb-default\" target=\"_self\" ><\/a>\n<div class=\"pt-cv-taxoterm above_title\"><a href='https:\/\/www.dmsjuridica.com\/buscador_20179478954\/corteconstitucionalcronologico202454587\/category\/buscar-en-toda-la-corte\/2004\/tutelas-2004\/' title='Tutelas 2004' class='pt-cv-tax-tutelas-2004'>Tutelas 2004<\/a><\/div>\n<h4 class=\"pt-cv-title\"><a href=\"https:\/\/www.dmsjuridica.com\/buscador_20179478954\/corteconstitucionalcronologico202454587\/t-918-04\/\" class=\"_self\" target=\"_self\" >T-918-04<\/a><\/h4>\n<div class=\"pt-cv-content\">\u00a0 \u00a0 Sentencia T-918\/04\u00a0 \u00a0 DERECHO A LA EDUCACION-Cancelaci\u00f3n de matr\u00edcula \u00a0 DEBIDO PROCESO-Aplicaci\u00f3n en procesos sancionatorios educativos\u00a0 \u00a0 En el caso sub ex\u00e1mine no se le respet\u00f3 el debido proceso al alumno, ya que la sanci\u00f3n fue impuesta sin haberse permitido controvertir las pruebas en su contra, se adelant\u00f3 un procedimiento verbal y muy breve (3 d\u00edas), no se hizo comunicaci\u00f3n formal de apertura del proceso y tampoco se inform\u00f3 al estudiante y a sus padres que contra la decisi\u00f3n pod\u00eda interponerse alg\u00fan recurso. Toda esta serie de irregularidades ponen en evidencia la violaci\u00f3n del derecho constitucional al debido ...<br \/><div class=\"pt-cv-rmwrap\"><a href=\"https:\/\/www.dmsjuridica.com\/buscador_20179478954\/corteconstitucionalcronologico202454587\/t-918-04\/\" class=\"_self pt-cv-readmore btn btn-success\" target=\"_self\">Ver Sentencia Completa...<\/a><\/div><\/div><\/div><\/div>\n<div class=\"col-md-12 col-sm-12 col-xs-12 pt-cv-content-item pt-cv-1-col\" ><div class='pt-cv-ifield'><a href=\"https:\/\/www.dmsjuridica.com\/buscador_20179478954\/corteconstitucionalcronologico202454587\/t-917-04\/\" class=\"_self pt-cv-href-thumbnail pt-cv-thumb-default\" target=\"_self\" ><\/a>\n<div class=\"pt-cv-taxoterm above_title\"><a href='https:\/\/www.dmsjuridica.com\/buscador_20179478954\/corteconstitucionalcronologico202454587\/category\/buscar-en-toda-la-corte\/2004\/tutelas-2004\/' title='Tutelas 2004' class='pt-cv-tax-tutelas-2004'>Tutelas 2004<\/a><\/div>\n<h4 class=\"pt-cv-title\"><a href=\"https:\/\/www.dmsjuridica.com\/buscador_20179478954\/corteconstitucionalcronologico202454587\/t-917-04\/\" class=\"_self\" target=\"_self\" >T-917-04<\/a><\/h4>\n<div class=\"pt-cv-content\">\u00a0 \u00a0 Sentencia T-917\/04 \u00a0 DERECHO A LA ESTABILIDAD LABORAL REFORZADA DE MUJER EMBARAZADA-Elementos f\u00e1cticos que deben demostrarse \u00a0 El criterio consolidado de la Corte en esta materia se resume de la siguiente manera : si los presupuestos f\u00e1cticos mencionados \u00a0se cumplen, la acci\u00f3n de tutela procede, de lo contrario, no. En el caso concreto objeto de este estudio, salta a la vista que no se probaron todos los elementos f\u00e1cticos para la procedencia de esta acci\u00f3n.\u00a0 \u00a0 Referencia: expediente T-933090 \u00a0 Acci\u00f3n de tutela instaurada por Mar\u00eda de los Angeles Comas Cajar contra la Cooperativa de Servicios Tesco, de ...<br \/><div class=\"pt-cv-rmwrap\"><a href=\"https:\/\/www.dmsjuridica.com\/buscador_20179478954\/corteconstitucionalcronologico202454587\/t-917-04\/\" class=\"_self pt-cv-readmore btn btn-success\" target=\"_self\">Ver Sentencia Completa...<\/a><\/div><\/div><\/div><\/div>\n<div class=\"col-md-12 col-sm-12 col-xs-12 pt-cv-content-item pt-cv-1-col\" ><div class='pt-cv-ifield'><a href=\"https:\/\/www.dmsjuridica.com\/buscador_20179478954\/corteconstitucionalcronologico202454587\/t-916-04\/\" class=\"_self pt-cv-href-thumbnail pt-cv-thumb-default\" target=\"_self\" ><\/a>\n<div class=\"pt-cv-taxoterm above_title\"><a href='https:\/\/www.dmsjuridica.com\/buscador_20179478954\/corteconstitucionalcronologico202454587\/category\/buscar-en-toda-la-corte\/2004\/tutelas-2004\/' title='Tutelas 2004' class='pt-cv-tax-tutelas-2004'>Tutelas 2004<\/a><\/div>\n<h4 class=\"pt-cv-title\"><a href=\"https:\/\/www.dmsjuridica.com\/buscador_20179478954\/corteconstitucionalcronologico202454587\/t-916-04\/\" class=\"_self\" target=\"_self\" >T-916-04<\/a><\/h4>\n<div class=\"pt-cv-content\">ACCION DE TUTELA-Pago de salarios atrasados \u00a0 Referencia: expediente T-937897 \u00a0 Acci\u00f3n de tutela instaurada por el se\u00f1or Gabriel Acosta Acosta \u00a0contra \u00a0la Alcald\u00eda de Malambo - Atl\u00e1ntico. \u00a0 Procedencia: Juzgado Segundo Civil del Circuito de Soledad- Atl\u00e1ntico.\u00a0 \u00a0 Magistrado Ponente:\u00a0 \u00a0 Dr. ALFREDO BELTR\u00c1N SIERRA. \u00a0 Bogot\u00e1, D.C., veintitr\u00e9s (23) de septiembre de dos mil cuatro (2004). \u00a0 La Sala Segunda (2a.) de Revisi\u00f3n de la Corte Constitucional, integrada por los magistrados Alfredo Beltr\u00e1n Sierra, Manuel Jos\u00e9 Cepeda Espinosa y Jaime C\u00f3rdoba Trivi\u00f1o, en ejercicio de sus competencias legales y constitucionales han proferido la siguiente \u00a0 SENTENCIA \u00a0 en ...<br \/><div class=\"pt-cv-rmwrap\"><a href=\"https:\/\/www.dmsjuridica.com\/buscador_20179478954\/corteconstitucionalcronologico202454587\/t-916-04\/\" class=\"_self pt-cv-readmore btn btn-success\" target=\"_self\">Ver Sentencia Completa...<\/a><\/div><\/div><\/div><\/div>\n<div class=\"col-md-12 col-sm-12 col-xs-12 pt-cv-content-item pt-cv-1-col\" ><div class='pt-cv-ifield'><a href=\"https:\/\/www.dmsjuridica.com\/buscador_20179478954\/corteconstitucionalcronologico202454587\/t-915-04\/\" class=\"_self pt-cv-href-thumbnail pt-cv-thumb-default\" target=\"_self\" ><\/a>\n<div class=\"pt-cv-taxoterm above_title\"><a href='https:\/\/www.dmsjuridica.com\/buscador_20179478954\/corteconstitucionalcronologico202454587\/category\/buscar-en-toda-la-corte\/2004\/tutelas-2004\/' title='Tutelas 2004' class='pt-cv-tax-tutelas-2004'>Tutelas 2004<\/a><\/div>\n<h4 class=\"pt-cv-title\"><a href=\"https:\/\/www.dmsjuridica.com\/buscador_20179478954\/corteconstitucionalcronologico202454587\/t-915-04\/\" class=\"_self\" target=\"_self\" >T-915-04<\/a><\/h4>\n<div class=\"pt-cv-content\">\u00a0 \u00a0 Sentencia T-915\/04 \u00a0 DERECHO DE PETICION-Requisitos de la respuesta \u00a0 Debe ser oportuna, esto es, resolverse dentro de los t\u00e9rminos establecidos en el ordenamiento jur\u00eddico, que en todo caso debe ser un plazo razonable. Debe resolverse de fondo, clara, precisa y de manera congruente con lo solicitado, por esta raz\u00f3n las respuestas evasivas constituyen prueba de la violaci\u00f3n del derecho de petici\u00f3n. Debe ser puesta en conocimiento del peticionario, puesto que de nada servir\u00eda la posibilidad de dirigirse a la autoridad si \u00e9sta se reserva para s\u00ed el sentido de lo decidido. Debe recordarse que la Corte Constitucional ...<br \/><div class=\"pt-cv-rmwrap\"><a href=\"https:\/\/www.dmsjuridica.com\/buscador_20179478954\/corteconstitucionalcronologico202454587\/t-915-04\/\" class=\"_self pt-cv-readmore btn btn-success\" target=\"_self\">Ver Sentencia Completa...<\/a><\/div><\/div><\/div><\/div>\n<div class=\"col-md-12 col-sm-12 col-xs-12 pt-cv-content-item pt-cv-1-col\" ><div class='pt-cv-ifield'><a href=\"https:\/\/www.dmsjuridica.com\/buscador_20179478954\/corteconstitucionalcronologico202454587\/t-909-04\/\" class=\"_self pt-cv-href-thumbnail pt-cv-thumb-default\" target=\"_self\" ><\/a>\n<div class=\"pt-cv-taxoterm above_title\"><a href='https:\/\/www.dmsjuridica.com\/buscador_20179478954\/corteconstitucionalcronologico202454587\/category\/buscar-en-toda-la-corte\/2004\/tutelas-2004\/' title='Tutelas 2004' class='pt-cv-tax-tutelas-2004'>Tutelas 2004<\/a><\/div>\n<h4 class=\"pt-cv-title\"><a href=\"https:\/\/www.dmsjuridica.com\/buscador_20179478954\/corteconstitucionalcronologico202454587\/t-909-04\/\" class=\"_self\" target=\"_self\" >T-909-04<\/a><\/h4>\n<div class=\"pt-cv-content\">\u00a0 \u00a0 Sentencia T-909\/04 \u00a0 TRASLADO DE DOCENTE\/IUS VARIANDI-Alcance y l\u00edmites \u00a0 Aunque el ejercicio del ius variandi por parte del empleador de ordinario genera traumatismos en el ritmo normal de vida de los empleados, especialmente si se trata del traslado del sitio donde se presta el servicio personal, no puede afirmarse v\u00e1lidamente que toda variaci\u00f3n de las condiciones de trabajo implique el desconocimiento de los derechos fundamentales del trabajador, pues al empleador p\u00fablico o privado le est\u00e1 permitido tomar decisiones que afecten las condiciones de trabajo de su fuerza laboral, pero, como se dijo desde un principio, siempre y ...<br \/><div class=\"pt-cv-rmwrap\"><a href=\"https:\/\/www.dmsjuridica.com\/buscador_20179478954\/corteconstitucionalcronologico202454587\/t-909-04\/\" class=\"_self pt-cv-readmore btn btn-success\" target=\"_self\">Ver Sentencia Completa...<\/a><\/div><\/div><\/div><\/div>\n<div class=\"col-md-12 col-sm-12 col-xs-12 pt-cv-content-item pt-cv-1-col\" ><div class='pt-cv-ifield'><a href=\"https:\/\/www.dmsjuridica.com\/buscador_20179478954\/corteconstitucionalcronologico202454587\/t-908-04\/\" class=\"_self pt-cv-href-thumbnail pt-cv-thumb-default\" target=\"_self\" ><\/a>\n<div class=\"pt-cv-taxoterm above_title\"><a href='https:\/\/www.dmsjuridica.com\/buscador_20179478954\/corteconstitucionalcronologico202454587\/category\/buscar-en-toda-la-corte\/2004\/tutelas-2004\/' title='Tutelas 2004' class='pt-cv-tax-tutelas-2004'>Tutelas 2004<\/a><\/div>\n<h4 class=\"pt-cv-title\"><a href=\"https:\/\/www.dmsjuridica.com\/buscador_20179478954\/corteconstitucionalcronologico202454587\/t-908-04\/\" class=\"_self\" target=\"_self\" >T-908-04<\/a><\/h4>\n<div class=\"pt-cv-content\">\u00a0 \u00a0 Sentencia T-908\/04 \u00a0 DERECHO A LA SALUD-Pago de cuota de recuperaci\u00f3n o de copago por tener capacidad econ\u00f3mica\/DERECHO A LA SALUD-Pago de cuota de recuperaci\u00f3n o de pago no debe ser obst\u00e1culo para acceder al servicio m\u00e9dico \u00a0 Esta Corporaci\u00f3n coincide con la Juez de instancia en que la situaci\u00f3n econ\u00f3mica de quienes est\u00e1n a cargo de la se\u00f1ora, tiene la capacidad econ\u00f3mica para asumir el monto de la cuota moderadora. La situaci\u00f3n econ\u00f3mica de este grupo familiar no es holgada, pero se encuentra en un nivel de ingresos que les permite asumir el costo de la cuota ...<br \/><div class=\"pt-cv-rmwrap\"><a href=\"https:\/\/www.dmsjuridica.com\/buscador_20179478954\/corteconstitucionalcronologico202454587\/t-908-04\/\" class=\"_self pt-cv-readmore btn btn-success\" target=\"_self\">Ver Sentencia Completa...<\/a><\/div><\/div><\/div><\/div>\n<div class=\"col-md-12 col-sm-12 col-xs-12 pt-cv-content-item pt-cv-1-col\" ><div class='pt-cv-ifield'><a href=\"https:\/\/www.dmsjuridica.com\/buscador_20179478954\/corteconstitucionalcronologico202454587\/t-907-04\/\" class=\"_self pt-cv-href-thumbnail pt-cv-thumb-default\" target=\"_self\" ><\/a>\n<div class=\"pt-cv-taxoterm above_title\"><a href='https:\/\/www.dmsjuridica.com\/buscador_20179478954\/corteconstitucionalcronologico202454587\/category\/buscar-en-toda-la-corte\/2004\/tutelas-2004\/' title='Tutelas 2004' class='pt-cv-tax-tutelas-2004'>Tutelas 2004<\/a><\/div>\n<h4 class=\"pt-cv-title\"><a href=\"https:\/\/www.dmsjuridica.com\/buscador_20179478954\/corteconstitucionalcronologico202454587\/t-907-04\/\" class=\"_self\" target=\"_self\" >T-907-04<\/a><\/h4>\n<div class=\"pt-cv-content\">\u00a0 \u00a0 Sentencia T-907\/04 \u00a0 ACCION DE TUTELA-Procedencia para prevenir un perjuicio irremediable en caso de menor no afiliado a r\u00e9gimen de seguridad social \u00a0 PREVALENCIA DEL INTERES SUPERIOR DEL MENOR-Deber de las autoridades de tenerlo en cuenta \u00a0 Es deber de las autoridades relacionadas con la prestaci\u00f3n de servicios de salud, entre las cuales se cuenta el Director General de Sanidad Militar contra quien se dirigi\u00f3 la acci\u00f3n de tutela de la referencia, tener en cuenta en todos los casos que involucren ni\u00f1os que la protecci\u00f3n, preservaci\u00f3n y promoci\u00f3n de su inter\u00e9s superior y prevaleciente en materia de salud ...<br \/><div class=\"pt-cv-rmwrap\"><a href=\"https:\/\/www.dmsjuridica.com\/buscador_20179478954\/corteconstitucionalcronologico202454587\/t-907-04\/\" class=\"_self pt-cv-readmore btn btn-success\" target=\"_self\">Ver Sentencia Completa...<\/a><\/div><\/div><\/div><\/div>\n<div class=\"col-md-12 col-sm-12 col-xs-12 pt-cv-content-item pt-cv-1-col\" ><div class='pt-cv-ifield'><a href=\"https:\/\/www.dmsjuridica.com\/buscador_20179478954\/corteconstitucionalcronologico202454587\/t-906-04\/\" class=\"_self pt-cv-href-thumbnail pt-cv-thumb-default\" target=\"_self\" ><\/a>\n<div class=\"pt-cv-taxoterm above_title\"><a href='https:\/\/www.dmsjuridica.com\/buscador_20179478954\/corteconstitucionalcronologico202454587\/category\/buscar-en-toda-la-corte\/2004\/tutelas-2004\/' title='Tutelas 2004' class='pt-cv-tax-tutelas-2004'>Tutelas 2004<\/a><\/div>\n<h4 class=\"pt-cv-title\"><a href=\"https:\/\/www.dmsjuridica.com\/buscador_20179478954\/corteconstitucionalcronologico202454587\/t-906-04\/\" class=\"_self\" target=\"_self\" >T-906-04<\/a><\/h4>\n<div class=\"pt-cv-content\">\u00a0 \u00a0 Sentencia T-906\/04 \u00a0 ADMINISTRADORA DEL REGIMEN SUBSIDIADO-Informaci\u00f3n al afiliado sobre posibilidad de atenci\u00f3n en servicio no incluido en POS-S debe ser clara \u00a0 Observa la Sala que con la entrega de este documento se dio cumplimiento formal al deber de la ARS demandada de informar al peticionario sobre lo dispuesto en las normas reglamentarias pero no cumpli\u00f3 otros deberes, como el de acompa\u00f1amiento, se\u00f1alado por la jurisprudencia.; no obstante, teniendo en cuenta las condiciones socioecon\u00f3micas del actor -quien est\u00e1 afiliado al r\u00e9gimen subsidiado de salud-, el lenguaje en el cual est\u00e1 redactada esta nota resulta no menos que ...<br \/><div class=\"pt-cv-rmwrap\"><a href=\"https:\/\/www.dmsjuridica.com\/buscador_20179478954\/corteconstitucionalcronologico202454587\/t-906-04\/\" class=\"_self pt-cv-readmore btn btn-success\" target=\"_self\">Ver Sentencia Completa...<\/a><\/div><\/div><\/div><\/div>\n<div class=\"col-md-12 col-sm-12 col-xs-12 pt-cv-content-item pt-cv-1-col\" ><div class='pt-cv-ifield'><a href=\"https:\/\/www.dmsjuridica.com\/buscador_20179478954\/corteconstitucionalcronologico202454587\/t-905-04\/\" class=\"_self pt-cv-href-thumbnail pt-cv-thumb-default\" target=\"_self\" ><\/a>\n<div class=\"pt-cv-taxoterm above_title\"><a href='https:\/\/www.dmsjuridica.com\/buscador_20179478954\/corteconstitucionalcronologico202454587\/category\/buscar-en-toda-la-corte\/2004\/tutelas-2004\/' title='Tutelas 2004' class='pt-cv-tax-tutelas-2004'>Tutelas 2004<\/a><\/div>\n<h4 class=\"pt-cv-title\"><a href=\"https:\/\/www.dmsjuridica.com\/buscador_20179478954\/corteconstitucionalcronologico202454587\/t-905-04\/\" class=\"_self\" target=\"_self\" >T-905-04<\/a><\/h4>\n<div class=\"pt-cv-content\">\u00a0 \u00a0 Sentencia T-905\/04 \u00a0 FONDO NACIONAL DE PRESTACIONES SOCIALES DEL MAGISTERIO-R\u00e9gimen de beneficiarios de servicios de salud \u00a0 Es claro que el sistema de seguridad social en salud de los educadores del Departamento de Santander afiliados al Fondo Nacional de Prestaciones Sociales del Magisterio, no incluye como beneficiarios directos de los servicios de salud a sus padres e hijos mayores de 19 a\u00f1os. Para que \u00e9stos puedan obtener esa calidad, y por tanto, para que se hagan acreedores a la atenci\u00f3n en salud por cuenta del Finsema, es necesario que se cumplan los siguientes requisitos ya se\u00f1alados. Para el ...<br \/><div class=\"pt-cv-rmwrap\"><a href=\"https:\/\/www.dmsjuridica.com\/buscador_20179478954\/corteconstitucionalcronologico202454587\/t-905-04\/\" class=\"_self pt-cv-readmore btn btn-success\" target=\"_self\">Ver Sentencia Completa...<\/a><\/div><\/div><\/div><\/div>\n<div class=\"col-md-12 col-sm-12 col-xs-12 pt-cv-content-item pt-cv-1-col\" ><div class='pt-cv-ifield'><a href=\"https:\/\/www.dmsjuridica.com\/buscador_20179478954\/corteconstitucionalcronologico202454587\/t-904-04\/\" class=\"_self pt-cv-href-thumbnail pt-cv-thumb-default\" target=\"_self\" ><\/a>\n<div class=\"pt-cv-taxoterm above_title\"><a href='https:\/\/www.dmsjuridica.com\/buscador_20179478954\/corteconstitucionalcronologico202454587\/category\/buscar-en-toda-la-corte\/2004\/tutelas-2004\/' title='Tutelas 2004' class='pt-cv-tax-tutelas-2004'>Tutelas 2004<\/a><\/div>\n<h4 class=\"pt-cv-title\"><a href=\"https:\/\/www.dmsjuridica.com\/buscador_20179478954\/corteconstitucionalcronologico202454587\/t-904-04\/\" class=\"_self\" target=\"_self\" >T-904-04<\/a><\/h4>\n<div class=\"pt-cv-content\">\u00a0 \u00a0 Sentencia T-904\/04 \u00a0 ACCION DE TUTELA-Improcedencia para ordenar reliquidaci\u00f3n de pensiones \u00a0 ACCION DE TUTELA TRANSITORIA-Requisitos que deben acreditarse si lo que se solicita es reajuste o reliquidaci\u00f3n de pensiones \u00a0 De manera general, la jurisprudencia constitucional ha se\u00f1alado cu\u00e1les son los requisitos que deben acreditarse para solicitar la protecci\u00f3n transitoria de los derechos fundamentales cuando el objeto de reclamo es la reliquidaci\u00f3n o el reajuste de pensiones, los cuales fueron sintetizados en la sentencia T-446 de 2004, as\u00ed: i) Que el actor haya agotado los recursos a su alcance en sede administrativa y que la entidad mantenga ...<br \/><div class=\"pt-cv-rmwrap\"><a href=\"https:\/\/www.dmsjuridica.com\/buscador_20179478954\/corteconstitucionalcronologico202454587\/t-904-04\/\" class=\"_self pt-cv-readmore btn btn-success\" target=\"_self\">Ver Sentencia Completa...<\/a><\/div><\/div><\/div><\/div>\n<div class=\"col-md-12 col-sm-12 col-xs-12 pt-cv-content-item pt-cv-1-col\" ><div class='pt-cv-ifield'><a href=\"https:\/\/www.dmsjuridica.com\/buscador_20179478954\/corteconstitucionalcronologico202454587\/t-903-04\/\" class=\"_self pt-cv-href-thumbnail pt-cv-thumb-default\" target=\"_self\" ><\/a>\n<div class=\"pt-cv-taxoterm above_title\"><a href='https:\/\/www.dmsjuridica.com\/buscador_20179478954\/corteconstitucionalcronologico202454587\/category\/buscar-en-toda-la-corte\/2004\/tutelas-2004\/' title='Tutelas 2004' class='pt-cv-tax-tutelas-2004'>Tutelas 2004<\/a><\/div>\n<h4 class=\"pt-cv-title\"><a href=\"https:\/\/www.dmsjuridica.com\/buscador_20179478954\/corteconstitucionalcronologico202454587\/t-903-04\/\" class=\"_self\" target=\"_self\" >T-903-04<\/a><\/h4>\n<div class=\"pt-cv-content\">\u00a0 \u00a0 Sentencia T-903\/04 \u00a0 VACACIONES-Pago proporcional a la fracci\u00f3n de a\u00f1o laborado \u00a0 Observa la Corte, que el demandante no es de aquellos servidores que no alcanzaron a causar vacaciones, es decir, no se trata de aquellos que apenas ingresan al primer a\u00f1o de servicio; tampoco se trata de aquellos que no han disfrutado vacaciones y acumularon per\u00edodos de vacaciones en los t\u00e9rminos permitidos por la ley. Se trata de un servidor que ha superado ya el primer a\u00f1o de servicio, que ha disfrutado de dos per\u00edodos de vacaciones pero que es retirado sin que se haya causado un ...<br \/><div class=\"pt-cv-rmwrap\"><a href=\"https:\/\/www.dmsjuridica.com\/buscador_20179478954\/corteconstitucionalcronologico202454587\/t-903-04\/\" class=\"_self pt-cv-readmore btn btn-success\" target=\"_self\">Ver Sentencia Completa...<\/a><\/div><\/div><\/div><\/div>\n<div class=\"col-md-12 col-sm-12 col-xs-12 pt-cv-content-item pt-cv-1-col\" ><div class='pt-cv-ifield'><a href=\"https:\/\/www.dmsjuridica.com\/buscador_20179478954\/corteconstitucionalcronologico202454587\/t-902-04\/\" class=\"_self pt-cv-href-thumbnail pt-cv-thumb-default\" target=\"_self\" ><\/a>\n<div class=\"pt-cv-taxoterm above_title\"><a href='https:\/\/www.dmsjuridica.com\/buscador_20179478954\/corteconstitucionalcronologico202454587\/category\/buscar-en-toda-la-corte\/2004\/tutelas-2004\/' title='Tutelas 2004' class='pt-cv-tax-tutelas-2004'>Tutelas 2004<\/a><\/div>\n<h4 class=\"pt-cv-title\"><a href=\"https:\/\/www.dmsjuridica.com\/buscador_20179478954\/corteconstitucionalcronologico202454587\/t-902-04\/\" class=\"_self\" target=\"_self\" >T-902-04<\/a><\/h4>\n<div class=\"pt-cv-content\">\u00a0 \u00a0 Sentencia T-902\/04 \u00a0 ACCION DE TUTELA-Procedencia excepcional pago de acreencias laborales\/MEDIO DE DEFENSA JUDICIAL-Pago de prestaciones econ\u00f3micas sin afectaci\u00f3n de derechos fundamentales \u00a0 El incumplimiento prolongado por parte del Hospital de Caldas E.S.E. en el pago de los salarios correspondientes al a\u00f1o 2004 a la accionante no tiene excusa. \u00a0Tal actuaci\u00f3n ha suscitado la clara vulneraci\u00f3n de su derecho fundamental al m\u00ednimo vital, m\u00e1xime si se tiene en cuenta que es madre cabeza de familia y no cuenta con otros recursos para garantizar su subsistencia y la de su familia. Ahora bien, en relaci\u00f3n con las dem\u00e1s prestaciones ...<br \/><div class=\"pt-cv-rmwrap\"><a href=\"https:\/\/www.dmsjuridica.com\/buscador_20179478954\/corteconstitucionalcronologico202454587\/t-902-04\/\" class=\"_self pt-cv-readmore btn btn-success\" target=\"_self\">Ver Sentencia Completa...<\/a><\/div><\/div><\/div><\/div>\n<div class=\"col-md-12 col-sm-12 col-xs-12 pt-cv-content-item pt-cv-1-col\" ><div class='pt-cv-ifield'><a href=\"https:\/\/www.dmsjuridica.com\/buscador_20179478954\/corteconstitucionalcronologico202454587\/t-901-04\/\" class=\"_self pt-cv-href-thumbnail pt-cv-thumb-default\" target=\"_self\" ><\/a>\n<div class=\"pt-cv-taxoterm above_title\"><a href='https:\/\/www.dmsjuridica.com\/buscador_20179478954\/corteconstitucionalcronologico202454587\/category\/buscar-en-toda-la-corte\/2004\/tutelas-2004\/' title='Tutelas 2004' class='pt-cv-tax-tutelas-2004'>Tutelas 2004<\/a><\/div>\n<h4 class=\"pt-cv-title\"><a href=\"https:\/\/www.dmsjuridica.com\/buscador_20179478954\/corteconstitucionalcronologico202454587\/t-901-04\/\" class=\"_self\" target=\"_self\" >T-901-04<\/a><\/h4>\n<div class=\"pt-cv-content\">\u00a0 \u00a0 Sentencia T-901\/04 \u00a0 DERECHO A LA SALUD-Suministro de medicamento excluido del POS en relaci\u00f3n con tratamiento de fertilidad \u00a0 La Corte Constitucional de manera consistente ha se\u00f1alado que en principio, la exclusi\u00f3n de los tratamientos de fertilidad del Plan Obligatorio de Salud no vulnera derecho fundamental alguno de personas que gen\u00e9ticamente se encuentran imposibilitadas para procrear, puesto que el Estado s\u00f3lo se encuentra obligado a garantizar el ejercicio pleno del derecho a la reproducci\u00f3n respecto de aquellas personas funcionalmente habilitadas o aptas para tal prop\u00f3sito. Es claro que por regla general la acci\u00f3n de tutela es improcedente para ...<br \/><div class=\"pt-cv-rmwrap\"><a href=\"https:\/\/www.dmsjuridica.com\/buscador_20179478954\/corteconstitucionalcronologico202454587\/t-901-04\/\" class=\"_self pt-cv-readmore btn btn-success\" target=\"_self\">Ver Sentencia Completa...<\/a><\/div><\/div><\/div><\/div>\n<div class=\"col-md-12 col-sm-12 col-xs-12 pt-cv-content-item pt-cv-1-col\" ><div class='pt-cv-ifield'><a href=\"https:\/\/www.dmsjuridica.com\/buscador_20179478954\/corteconstitucionalcronologico202454587\/t-900-04\/\" class=\"_self pt-cv-href-thumbnail pt-cv-thumb-default\" target=\"_self\" ><\/a>\n<div class=\"pt-cv-taxoterm above_title\"><a href='https:\/\/www.dmsjuridica.com\/buscador_20179478954\/corteconstitucionalcronologico202454587\/category\/buscar-en-toda-la-corte\/2004\/tutelas-2004\/' title='Tutelas 2004' class='pt-cv-tax-tutelas-2004'>Tutelas 2004<\/a><\/div>\n<h4 class=\"pt-cv-title\"><a href=\"https:\/\/www.dmsjuridica.com\/buscador_20179478954\/corteconstitucionalcronologico202454587\/t-900-04\/\" class=\"_self\" target=\"_self\" >T-900-04<\/a><\/h4>\n<div class=\"pt-cv-content\">\u00a0 \u00a0 Sentencia T-900\/04 \u00a0 MUJER EMBARAZADA EN CONTRATO A TERMINO INDEFINIDO-Existencia de relaci\u00f3n laboral con Cooperativa \u00a0 COOPERATIVAS DE TRABAJO ASOCIADO-R\u00e9gimen aplicable a trabajadores que no son socios \u00a0 Si bien la Sala no desconoce la naturaleza, objeto y fines de las cooperativas de trabajo asociado, la ponderaci\u00f3n integral de la informaci\u00f3n que obra en el expediente permite concluir que entre la peticionaria y la cooperativa accionada exist\u00eda una relaci\u00f3n laboral ordinaria, regida por las disposiciones del derecho del trabajo. \u00a0 DERECHO A LA ESTABILIDAD LABORAL REFORZADA DE MUJER EMBARAZADA-Protecci\u00f3n y orden de reintegro\/REINTEGRO AL CARGO DE MUJER EMBARAZADA ...<br \/><div class=\"pt-cv-rmwrap\"><a href=\"https:\/\/www.dmsjuridica.com\/buscador_20179478954\/corteconstitucionalcronologico202454587\/t-900-04\/\" class=\"_self pt-cv-readmore btn btn-success\" target=\"_self\">Ver Sentencia Completa...<\/a><\/div><\/div><\/div><\/div>\n<div class=\"col-md-12 col-sm-12 col-xs-12 pt-cv-content-item pt-cv-1-col\" ><div class='pt-cv-ifield'><a href=\"https:\/\/www.dmsjuridica.com\/buscador_20179478954\/corteconstitucionalcronologico202454587\/t-899-04\/\" class=\"_self pt-cv-href-thumbnail pt-cv-thumb-default\" target=\"_self\" ><\/a>\n<div class=\"pt-cv-taxoterm above_title\"><a href='https:\/\/www.dmsjuridica.com\/buscador_20179478954\/corteconstitucionalcronologico202454587\/category\/buscar-en-toda-la-corte\/2004\/tutelas-2004\/' title='Tutelas 2004' class='pt-cv-tax-tutelas-2004'>Tutelas 2004<\/a><\/div>\n<h4 class=\"pt-cv-title\"><a href=\"https:\/\/www.dmsjuridica.com\/buscador_20179478954\/corteconstitucionalcronologico202454587\/t-899-04\/\" class=\"_self\" target=\"_self\" >T-899-04<\/a><\/h4>\n<div class=\"pt-cv-content\">\u00a0 \u00a0 Sentencia T-899\/04 \u00a0 ACCION DE TUTELA CONTRA PARTICULARES-Situaciones que hacen procedente la tutela \u00a0 En trat\u00e1ndose de tutelas contra particulares, el juez debe obrar de manera concienzuda para verificar, primero, si efectivamente existe vulneraci\u00f3n o amenaza de un derecho fundamental y, segundo, el tipo de relaci\u00f3n existente entre el peticionario y el demandado, es decir, determinar si aqu\u00e9l se encuentra en alguna de las circunstancias descritas para que sea procedente la acci\u00f3n. \u00danicamente cuando se constaten esas dos situaciones, ser\u00e1 procedente la tutela. \u00a0 ACCION DE TUTELA CONTRA PARTICULARES-Por construcci\u00f3n de muro autoportante \u00a0 Los derechos del peticionario ...<br \/><div class=\"pt-cv-rmwrap\"><a href=\"https:\/\/www.dmsjuridica.com\/buscador_20179478954\/corteconstitucionalcronologico202454587\/t-899-04\/\" class=\"_self pt-cv-readmore btn btn-success\" target=\"_self\">Ver Sentencia Completa...<\/a><\/div><\/div><\/div><\/div>\n<div class=\"col-md-12 col-sm-12 col-xs-12 pt-cv-content-item pt-cv-1-col\" ><div class='pt-cv-ifield'><a href=\"https:\/\/www.dmsjuridica.com\/buscador_20179478954\/corteconstitucionalcronologico202454587\/t-898-04\/\" class=\"_self pt-cv-href-thumbnail pt-cv-thumb-default\" target=\"_self\" ><\/a>\n<div class=\"pt-cv-taxoterm above_title\"><a href='https:\/\/www.dmsjuridica.com\/buscador_20179478954\/corteconstitucionalcronologico202454587\/category\/buscar-en-toda-la-corte\/2004\/tutelas-2004\/' title='Tutelas 2004' class='pt-cv-tax-tutelas-2004'>Tutelas 2004<\/a><\/div>\n<h4 class=\"pt-cv-title\"><a href=\"https:\/\/www.dmsjuridica.com\/buscador_20179478954\/corteconstitucionalcronologico202454587\/t-898-04\/\" class=\"_self\" target=\"_self\" >T-898-04<\/a><\/h4>\n<div class=\"pt-cv-content\">\u00a0 \u00a0 Sentencia T-898\/04 \u00a0 ACCION DE TUTELA-Procedencia excepcional pago de salarios y criterios que sirven de gu\u00eda \u00a0 Trat\u00e1ndose de salarios es en atenci\u00f3n a las circunstancias espec\u00edficas que enfrenta el trabajador que el juez de tutela debe establecer la procedencia del amparo y valorar si en el caso concreto la falta de pago de la obligaci\u00f3n compromete efectivamente la realizaci\u00f3n de derechos y valores fundamentales que deban ser protegidos con urgencia a trav\u00e9s de este mecanismo. En esta materia la jurisprudencia ya ha tenido oportunidad de se\u00f1alar los criterios que sirven de gu\u00eda para el examen sobre la ...<br \/><div class=\"pt-cv-rmwrap\"><a href=\"https:\/\/www.dmsjuridica.com\/buscador_20179478954\/corteconstitucionalcronologico202454587\/t-898-04\/\" class=\"_self pt-cv-readmore btn btn-success\" target=\"_self\">Ver Sentencia Completa...<\/a><\/div><\/div><\/div><\/div>\n<div class=\"col-md-12 col-sm-12 col-xs-12 pt-cv-content-item pt-cv-1-col\" ><div class='pt-cv-ifield'><a href=\"https:\/\/www.dmsjuridica.com\/buscador_20179478954\/corteconstitucionalcronologico202454587\/t-897-04\/\" class=\"_self pt-cv-href-thumbnail pt-cv-thumb-default\" target=\"_self\" ><\/a>\n<div class=\"pt-cv-taxoterm above_title\"><a href='https:\/\/www.dmsjuridica.com\/buscador_20179478954\/corteconstitucionalcronologico202454587\/category\/buscar-en-toda-la-corte\/2004\/tutelas-2004\/' title='Tutelas 2004' class='pt-cv-tax-tutelas-2004'>Tutelas 2004<\/a><\/div>\n<h4 class=\"pt-cv-title\"><a href=\"https:\/\/www.dmsjuridica.com\/buscador_20179478954\/corteconstitucionalcronologico202454587\/t-897-04\/\" class=\"_self\" target=\"_self\" >T-897-04<\/a><\/h4>\n<div class=\"pt-cv-content\">\u00a0 \u00a0 Sentencia T-897\/04 \u00a0 LICENCIA DE MATERNIDAD-Procedencia excepcional de tutela para el pago \u00a0 ENTIDAD PROMOTORA DE SALUD-No puede negar el pago de la licencia de maternidad excus\u00e1ndose en que los pagos fueron extempor\u00e1neos \u00a0 Referencia: expediente T-920709 \u00a0 Acci\u00f3n de tutela instaurada por Erika Jazm\u00edn Zabala P\u00e9rez contra SaludCoop EPS \u00a0 Magistrado Ponente: \u00a0 Dr. ALVARO TAFUR GALVIS \u00a0 Bogot\u00e1, D.C., \u00a0diecis\u00e9is (16) de septiembre de dos mil cuatro (2004). \u00a0 La Sala Octava de Revisi\u00f3n de la Corte Constitucional, integrada por los magistrados \u00c1lvaro Tafur Galvis, Jaime Araujo Renter\u00eda y Clara In\u00e9s Vargas Hern\u00e1ndez, en ejercicio de ...<br \/><div class=\"pt-cv-rmwrap\"><a href=\"https:\/\/www.dmsjuridica.com\/buscador_20179478954\/corteconstitucionalcronologico202454587\/t-897-04\/\" class=\"_self pt-cv-readmore btn btn-success\" target=\"_self\">Ver Sentencia Completa...<\/a><\/div><\/div><\/div><\/div>\n<div class=\"col-md-12 col-sm-12 col-xs-12 pt-cv-content-item pt-cv-1-col\" ><div class='pt-cv-ifield'><a href=\"https:\/\/www.dmsjuridica.com\/buscador_20179478954\/corteconstitucionalcronologico202454587\/t-896-04\/\" class=\"_self pt-cv-href-thumbnail pt-cv-thumb-default\" target=\"_self\" ><\/a>\n<div class=\"pt-cv-taxoterm above_title\"><a href='https:\/\/www.dmsjuridica.com\/buscador_20179478954\/corteconstitucionalcronologico202454587\/category\/buscar-en-toda-la-corte\/2004\/tutelas-2004\/' title='Tutelas 2004' class='pt-cv-tax-tutelas-2004'>Tutelas 2004<\/a><\/div>\n<h4 class=\"pt-cv-title\"><a href=\"https:\/\/www.dmsjuridica.com\/buscador_20179478954\/corteconstitucionalcronologico202454587\/t-896-04\/\" class=\"_self\" target=\"_self\" >T-896-04<\/a><\/h4>\n<div class=\"pt-cv-content\">\u00a0 \u00a0 Sentencia T-896\/04 \u00a0 ACCION DE TUTELA-Hecho superado por pago de acreencias laborales\/TRABAJADORES DE ICASA-Orden a la demandada de mantener las reservas para atender reclamaciones laborales \u00a0 Las sentencias de instancia tienen que revocarse, porque la afectaci\u00f3n del m\u00ednimo vital denunciada por los accionantes efectivamente se present\u00f3, y fue la situaci\u00f3n apremiante a que los mismos aluden en sus demandas la que dio lugar a la conculcaci\u00f3n de sus derechos a la estabilidad en el empleo, y a que fueran compelidos a renunciar de los beneficios m\u00ednimos que les reconoce la ley, como lo manifiestan en sus demandas. Sin ...<br \/><div class=\"pt-cv-rmwrap\"><a href=\"https:\/\/www.dmsjuridica.com\/buscador_20179478954\/corteconstitucionalcronologico202454587\/t-896-04\/\" class=\"_self pt-cv-readmore btn btn-success\" target=\"_self\">Ver Sentencia Completa...<\/a><\/div><\/div><\/div><\/div>\n<div class=\"col-md-12 col-sm-12 col-xs-12 pt-cv-content-item pt-cv-1-col\" ><div class='pt-cv-ifield'><a href=\"https:\/\/www.dmsjuridica.com\/buscador_20179478954\/corteconstitucionalcronologico202454587\/t-895-04\/\" class=\"_self pt-cv-href-thumbnail pt-cv-thumb-default\" target=\"_self\" ><\/a>\n<div class=\"pt-cv-taxoterm above_title\"><a href='https:\/\/www.dmsjuridica.com\/buscador_20179478954\/corteconstitucionalcronologico202454587\/category\/buscar-en-toda-la-corte\/2004\/tutelas-2004\/' title='Tutelas 2004' class='pt-cv-tax-tutelas-2004'>Tutelas 2004<\/a><\/div>\n<h4 class=\"pt-cv-title\"><a href=\"https:\/\/www.dmsjuridica.com\/buscador_20179478954\/corteconstitucionalcronologico202454587\/t-895-04\/\" class=\"_self\" target=\"_self\" >T-895-04<\/a><\/h4>\n<div class=\"pt-cv-content\">\u00a0 \u00a0 Sentencia T-895\/04 \u00a0 MUJER EMBARAZADA EN CONTRATO A TERMINO FIJO\u00a0 \u00a0 Respecto de los contratos a t\u00e9rmino fijo o a plazo, la jurisprudencia constitucional ha se\u00f1alado que tal circunstancia no constituye una justa causa para concluir la relaci\u00f3n laboral, si la empleada se encuentra en estado de embarazo y la labor que \u00e9sta desempe\u00f1a contin\u00faa. En esta medida, la estabilidad laboral reforzada de las mujeres en embarazo o en periodo de lactancia se predica tambi\u00e9n de los contratos a t\u00e9rmino fijo y por labor contratada, en tanto sean susceptibles de ser renovados. Cuando existe un contrato de trabajo ...<br \/><div class=\"pt-cv-rmwrap\"><a href=\"https:\/\/www.dmsjuridica.com\/buscador_20179478954\/corteconstitucionalcronologico202454587\/t-895-04\/\" class=\"_self pt-cv-readmore btn btn-success\" target=\"_self\">Ver Sentencia Completa...<\/a><\/div><\/div><\/div><\/div>\n<div class=\"col-md-12 col-sm-12 col-xs-12 pt-cv-content-item pt-cv-1-col\" ><div class='pt-cv-ifield'><a href=\"https:\/\/www.dmsjuridica.com\/buscador_20179478954\/corteconstitucionalcronologico202454587\/t-894-04\/\" class=\"_self pt-cv-href-thumbnail pt-cv-thumb-default\" target=\"_self\" ><\/a>\n<div class=\"pt-cv-taxoterm above_title\"><a href='https:\/\/www.dmsjuridica.com\/buscador_20179478954\/corteconstitucionalcronologico202454587\/category\/buscar-en-toda-la-corte\/2004\/tutelas-2004\/' title='Tutelas 2004' class='pt-cv-tax-tutelas-2004'>Tutelas 2004<\/a><\/div>\n<h4 class=\"pt-cv-title\"><a href=\"https:\/\/www.dmsjuridica.com\/buscador_20179478954\/corteconstitucionalcronologico202454587\/t-894-04\/\" class=\"_self\" target=\"_self\" >T-894-04<\/a><\/h4>\n<div class=\"pt-cv-content\">\u00a0 \u00a0 Sentencia T-894\/04 \u00a0 ACCION DE TUTELA-Pago de salarios atrasados \u00a0 Referencia: expediente: T-908778 \u00a0 Accionante: Jair Vargas \u00c1lvarez \u00a0 \u00a0 Procedencia: Juzgado S\u00e9ptimo Penal Municipal de Barranquilla \u00a0 Magistrado Ponente:\u00a0 \u00a0 Bogot\u00e1 D.C., diecis\u00e9is (16) de septiembre de dos mil cuatro (2004). \u00a0 La Sala Sexta de la \u00a0Corte Constitucional, integrada por los Magistrados doctores, Humberto Si\u00e9rra Porto, \u00c1lvaro Tafur Galvis y Marco Gerardo Monroy Cabra, quien la preside, en ejercicio de sus competencias constitucionales y legales ha pronunciado la siguiente \u00a0 SENTENCIA \u00a0 Dentro del proceso de revisi\u00f3n del fallo proferido por el Juzgado S\u00e9ptimo Penal Municipal ...<br \/><div class=\"pt-cv-rmwrap\"><a href=\"https:\/\/www.dmsjuridica.com\/buscador_20179478954\/corteconstitucionalcronologico202454587\/t-894-04\/\" class=\"_self pt-cv-readmore btn btn-success\" target=\"_self\">Ver Sentencia Completa...<\/a><\/div><\/div><\/div><\/div>\n<div class=\"col-md-12 col-sm-12 col-xs-12 pt-cv-content-item pt-cv-1-col\" ><div class='pt-cv-ifield'><a href=\"https:\/\/www.dmsjuridica.com\/buscador_20179478954\/corteconstitucionalcronologico202454587\/t-893-04\/\" class=\"_self pt-cv-href-thumbnail pt-cv-thumb-default\" target=\"_self\" ><\/a>\n<div class=\"pt-cv-taxoterm above_title\"><a href='https:\/\/www.dmsjuridica.com\/buscador_20179478954\/corteconstitucionalcronologico202454587\/category\/buscar-en-toda-la-corte\/2004\/tutelas-2004\/' title='Tutelas 2004' class='pt-cv-tax-tutelas-2004'>Tutelas 2004<\/a><\/div>\n<h4 class=\"pt-cv-title\"><a href=\"https:\/\/www.dmsjuridica.com\/buscador_20179478954\/corteconstitucionalcronologico202454587\/t-893-04\/\" class=\"_self\" target=\"_self\" >T-893-04<\/a><\/h4>\n<div class=\"pt-cv-content\">\u00a0 \u00a0 Sentencia T-893\/04 \u00a0 ACCION DE NULIDAD Y ACCION DE RESTABLECIMIENTO DEL DERECHO-T\u00e9rmino de caducidad \u00a0 Si se pretende no la simple acci\u00f3n de nulidad sino la acci\u00f3n de nulidad y restablecimiento del derecho, debe considerarse que el t\u00e9rmino para presentar esta acci\u00f3n ya ha caducado, pues es de cuatro meses siguientes a la notificaci\u00f3n del acto. En relaci\u00f3n con el t\u00e9rmino de caducidad, en los numerales 1\u00b0 y 2\u00b0 del art\u00edculo 136 del C.C.A., modificado por el art\u00edculo 44 de la Ley 446 de 1998, se reproduce la previsi\u00f3n contenida en el art\u00edculo 83 de la Ley 167 ...<br \/><div class=\"pt-cv-rmwrap\"><a href=\"https:\/\/www.dmsjuridica.com\/buscador_20179478954\/corteconstitucionalcronologico202454587\/t-893-04\/\" class=\"_self pt-cv-readmore btn btn-success\" target=\"_self\">Ver Sentencia Completa...<\/a><\/div><\/div><\/div><\/div>\n<div class=\"col-md-12 col-sm-12 col-xs-12 pt-cv-content-item pt-cv-1-col\" ><div class='pt-cv-ifield'><a href=\"https:\/\/www.dmsjuridica.com\/buscador_20179478954\/corteconstitucionalcronologico202454587\/t-892-04\/\" class=\"_self pt-cv-href-thumbnail pt-cv-thumb-default\" target=\"_self\" ><\/a>\n<div class=\"pt-cv-taxoterm above_title\"><a href='https:\/\/www.dmsjuridica.com\/buscador_20179478954\/corteconstitucionalcronologico202454587\/category\/buscar-en-toda-la-corte\/2004\/tutelas-2004\/' title='Tutelas 2004' class='pt-cv-tax-tutelas-2004'>Tutelas 2004<\/a><\/div>\n<h4 class=\"pt-cv-title\"><a href=\"https:\/\/www.dmsjuridica.com\/buscador_20179478954\/corteconstitucionalcronologico202454587\/t-892-04\/\" class=\"_self\" target=\"_self\" >T-892-04<\/a><\/h4>\n<div class=\"pt-cv-content\">\u00a0 \u00a0 Sentencia T-892\/04 \u00a0 DERECHO DE PETICION EN MATERIA PENSIONAL-T\u00e9rminos \u00a0 Las entidades que hacen parte del Sistema General de Pensiones, ya sean p\u00fablicas o privadas, cuentan con un t\u00e9rmino de seis (6) meses para hacer efectivo el derecho solicitado, el cual se concreta en el pago de la pensi\u00f3n o el reajuste respectivo. El mencionado t\u00e9rmino se distribuye as\u00ed: quince (15) d\u00edas para atender preliminarmente la petici\u00f3n y hacer las indicaciones que fueren pertinentes al solicitante; cuatro (4) meses para resolver la solicitud de reconocimiento de la pensi\u00f3n o el reajuste en concreto, de tal manera que se ...<br \/><div class=\"pt-cv-rmwrap\"><a href=\"https:\/\/www.dmsjuridica.com\/buscador_20179478954\/corteconstitucionalcronologico202454587\/t-892-04\/\" class=\"_self pt-cv-readmore btn btn-success\" target=\"_self\">Ver Sentencia Completa...<\/a><\/div><\/div><\/div><\/div>\n<div class=\"col-md-12 col-sm-12 col-xs-12 pt-cv-content-item pt-cv-1-col\" ><div class='pt-cv-ifield'><a href=\"https:\/\/www.dmsjuridica.com\/buscador_20179478954\/corteconstitucionalcronologico202454587\/t-891-04\/\" class=\"_self pt-cv-href-thumbnail pt-cv-thumb-default\" target=\"_self\" ><\/a>\n<div class=\"pt-cv-taxoterm above_title\"><a href='https:\/\/www.dmsjuridica.com\/buscador_20179478954\/corteconstitucionalcronologico202454587\/category\/buscar-en-toda-la-corte\/2004\/tutelas-2004\/' title='Tutelas 2004' class='pt-cv-tax-tutelas-2004'>Tutelas 2004<\/a><\/div>\n<h4 class=\"pt-cv-title\"><a href=\"https:\/\/www.dmsjuridica.com\/buscador_20179478954\/corteconstitucionalcronologico202454587\/t-891-04\/\" class=\"_self\" target=\"_self\" >T-891-04<\/a><\/h4>\n<div class=\"pt-cv-content\">\u00a0 \u00a0 Sentencia T-891\/04 \u00a0 LICENCIA DE MATERNIDAD-Procedencia excepcional de tutela para el pago \u00a0 LICENCIA DE MATERNIDAD-Pago por allanamiento a la mora por EPS \u00a0 ENTIDAD PROMOTORA DE SALUD-No puede negar el pago de la licencia de maternidad excus\u00e1ndose en que los pagos fueron extempor\u00e1neos \u00a0 Referencia: expediente T-923923. \u00a0 Acci\u00f3n de tutela instaurada por Mar\u00eda Consuelo Sierra Prieto contra la Seccional Quind\u00edo del Seguro Social EPS. \u00a0 Magistrado Ponente: \u00a0 Dr. JAIME ARA\u00daJO RENTER\u00cdA \u00a0 Bogot\u00e1 D.C., quince (15) de septiembre de dos mil cuatro (2004). \u00a0 La Sala Primera de Revisi\u00f3n de la Corte Constitucional, integrada por ...<br \/><div class=\"pt-cv-rmwrap\"><a href=\"https:\/\/www.dmsjuridica.com\/buscador_20179478954\/corteconstitucionalcronologico202454587\/t-891-04\/\" class=\"_self pt-cv-readmore btn btn-success\" target=\"_self\">Ver Sentencia Completa...<\/a><\/div><\/div><\/div><\/div>\n<div class=\"col-md-12 col-sm-12 col-xs-12 pt-cv-content-item pt-cv-1-col\" ><div class='pt-cv-ifield'><a href=\"https:\/\/www.dmsjuridica.com\/buscador_20179478954\/corteconstitucionalcronologico202454587\/t-884-04\/\" class=\"_self pt-cv-href-thumbnail pt-cv-thumb-default\" target=\"_self\" ><\/a>\n<div class=\"pt-cv-taxoterm above_title\"><a href='https:\/\/www.dmsjuridica.com\/buscador_20179478954\/corteconstitucionalcronologico202454587\/category\/buscar-en-toda-la-corte\/2004\/tutelas-2004\/' title='Tutelas 2004' class='pt-cv-tax-tutelas-2004'>Tutelas 2004<\/a><\/div>\n<h4 class=\"pt-cv-title\"><a href=\"https:\/\/www.dmsjuridica.com\/buscador_20179478954\/corteconstitucionalcronologico202454587\/t-884-04\/\" class=\"_self\" target=\"_self\" >T-884-04<\/a><\/h4>\n<div class=\"pt-cv-content\">\u00a0 \u00a0 Sentencia T-884\/04 \u00a0 DERECHO A LA SALUD-Suministro de medicamento no POS y que carece de registro del INVIMA \u00a0 De la Jurisprudencia de la Corte respecto de medicamentos no POS, en caso de que los mismos carezcan de registro INVIMA, es claro que para conceder el amparo por v\u00eda de tutela, la negativa de suministro debe poner en grave riesgo la vida del paciente, debe estar acreditado por el m\u00e9dico tratante adscrito a la EPS que ese medicamento es el \u00fanico que puede producir efectos favorables en el paciente, que no se trata de una droga en etapa ...<br \/><div class=\"pt-cv-rmwrap\"><a href=\"https:\/\/www.dmsjuridica.com\/buscador_20179478954\/corteconstitucionalcronologico202454587\/t-884-04\/\" class=\"_self pt-cv-readmore btn btn-success\" target=\"_self\">Ver Sentencia Completa...<\/a><\/div><\/div><\/div><\/div>\n<div class=\"col-md-12 col-sm-12 col-xs-12 pt-cv-content-item pt-cv-1-col\" ><div class='pt-cv-ifield'><a href=\"https:\/\/www.dmsjuridica.com\/buscador_20179478954\/corteconstitucionalcronologico202454587\/t-883-04\/\" class=\"_self pt-cv-href-thumbnail pt-cv-thumb-default\" target=\"_self\" ><\/a>\n<div class=\"pt-cv-taxoterm above_title\"><a href='https:\/\/www.dmsjuridica.com\/buscador_20179478954\/corteconstitucionalcronologico202454587\/category\/buscar-en-toda-la-corte\/2004\/tutelas-2004\/' title='Tutelas 2004' class='pt-cv-tax-tutelas-2004'>Tutelas 2004<\/a><\/div>\n<h4 class=\"pt-cv-title\"><a href=\"https:\/\/www.dmsjuridica.com\/buscador_20179478954\/corteconstitucionalcronologico202454587\/t-883-04\/\" class=\"_self\" target=\"_self\" >T-883-04<\/a><\/h4>\n<div class=\"pt-cv-content\">\u00a0 \u00a0 Sentencia T-883\/04 \u00a0 REGIMEN CONTRIBUTIVO Y SUBSIDIADO DE SALUD-Diferencia en caso de servicios excluidos cuando se trata de ni\u00f1os \u00a0 La diferencia entre los reg\u00edmenes contributivo y subsidiado en relaci\u00f3n con la prestaci\u00f3n de los servicios que se encuentran excluidos del Plan Obligatorio de Salud que corresponde a cada uno de ellos, se desdibuja frente al caso de los ni\u00f1os. En efecto, los servicios de mayor complejidad no son prestados por las Administradoras del R\u00e9gimen Subsidiado sino por el Estado, mientras que en el r\u00e9gimen contributivo las E.P.S. est\u00e1n en la obligaci\u00f3n de garantizar dicha atenci\u00f3n con la ...<br \/><div class=\"pt-cv-rmwrap\"><a href=\"https:\/\/www.dmsjuridica.com\/buscador_20179478954\/corteconstitucionalcronologico202454587\/t-883-04\/\" class=\"_self pt-cv-readmore btn btn-success\" target=\"_self\">Ver Sentencia Completa...<\/a><\/div><\/div><\/div><\/div>\n<div class=\"col-md-12 col-sm-12 col-xs-12 pt-cv-content-item pt-cv-1-col\" ><div class='pt-cv-ifield'><a href=\"https:\/\/www.dmsjuridica.com\/buscador_20179478954\/corteconstitucionalcronologico202454587\/t-882-04\/\" class=\"_self pt-cv-href-thumbnail pt-cv-thumb-default\" target=\"_self\" ><\/a>\n<div class=\"pt-cv-taxoterm above_title\"><a href='https:\/\/www.dmsjuridica.com\/buscador_20179478954\/corteconstitucionalcronologico202454587\/category\/buscar-en-toda-la-corte\/2004\/tutelas-2004\/' title='Tutelas 2004' class='pt-cv-tax-tutelas-2004'>Tutelas 2004<\/a><\/div>\n<h4 class=\"pt-cv-title\"><a href=\"https:\/\/www.dmsjuridica.com\/buscador_20179478954\/corteconstitucionalcronologico202454587\/t-882-04\/\" class=\"_self\" target=\"_self\" >T-882-04<\/a><\/h4>\n<div class=\"pt-cv-content\">\u00a0 \u00a0 Sentencia T-882\/04 \u00a0 DERECHO A LA SALUD-Injerto no incluido en el POS \u00a0 CAPACIDAD ECONOMICA-Prueba por carecer de ella para asumir costo de servicio no incluido en el POS \u00a0 Reiteraci\u00f3n de Jurisprudencia \u00a0 Referencia: expediente T-922834 \u00a0 Acci\u00f3n de tutela instaurada por Francisco Javier Giraldo Plata contra Colpatria Salud EPS. \u00a0 Magistrado Ponente: \u00a0 Dr. MANUEL JOS\u00c9 CEPEDA ESPINOSA \u00a0 Bogot\u00e1, D.C., diez (10) de septiembre de dos mil cuatro (2004). \u00a0 1. Francisco Javier Giraldo Plata interpuso acci\u00f3n de tutela contra Colpatria Salud EPS, por considerar que se le hab\u00eda violado sus derechos fundamentales a la ...<br \/><div class=\"pt-cv-rmwrap\"><a href=\"https:\/\/www.dmsjuridica.com\/buscador_20179478954\/corteconstitucionalcronologico202454587\/t-882-04\/\" class=\"_self pt-cv-readmore btn btn-success\" target=\"_self\">Ver Sentencia Completa...<\/a><\/div><\/div><\/div><\/div>\n<div class=\"col-md-12 col-sm-12 col-xs-12 pt-cv-content-item pt-cv-1-col\" ><div class='pt-cv-ifield'><a href=\"https:\/\/www.dmsjuridica.com\/buscador_20179478954\/corteconstitucionalcronologico202454587\/t-881-04\/\" class=\"_self pt-cv-href-thumbnail pt-cv-thumb-default\" target=\"_self\" ><\/a>\n<div class=\"pt-cv-taxoterm above_title\"><a href='https:\/\/www.dmsjuridica.com\/buscador_20179478954\/corteconstitucionalcronologico202454587\/category\/buscar-en-toda-la-corte\/2004\/tutelas-2004\/' title='Tutelas 2004' class='pt-cv-tax-tutelas-2004'>Tutelas 2004<\/a><\/div>\n<h4 class=\"pt-cv-title\"><a href=\"https:\/\/www.dmsjuridica.com\/buscador_20179478954\/corteconstitucionalcronologico202454587\/t-881-04\/\" class=\"_self\" target=\"_self\" >T-881-04<\/a><\/h4>\n<div class=\"pt-cv-content\">\u00a0 \u00a0 Exp. T-918.440 \u00a0 Sentencia T-881\/04 \u00a0 DERECHO DE ACCESO A DOCUMENTOS PUBLICOS RESERVADOS-Competencia para verificar validez de respuestas corresponde a Tribunal Administrativo \u00a0 Esta Corporaci\u00f3n ha se\u00f1alado que la acci\u00f3n de tutela resulta improcedente para controvertir la negativa de la entidad de entregar documentos de car\u00e1cter reservado. Como quiera que en el tr\u00e1mite del recurso de insistencia, el Tribunal debe determinar si los documentos o la informaci\u00f3n solicitada realmente tienen el car\u00e1cter reservado que alega la entidad, se ha considerado improcedente el amparo constitucional teniendo en consideraci\u00f3n que los peticionarios cuentan con otro medio de defensa judicial capaz ...<br \/><div class=\"pt-cv-rmwrap\"><a href=\"https:\/\/www.dmsjuridica.com\/buscador_20179478954\/corteconstitucionalcronologico202454587\/t-881-04\/\" class=\"_self pt-cv-readmore btn btn-success\" target=\"_self\">Ver Sentencia Completa...<\/a><\/div><\/div><\/div><\/div>\n<div class=\"col-md-12 col-sm-12 col-xs-12 pt-cv-content-item pt-cv-1-col\" ><div class='pt-cv-ifield'><a href=\"https:\/\/www.dmsjuridica.com\/buscador_20179478954\/corteconstitucionalcronologico202454587\/t-880-04\/\" class=\"_self pt-cv-href-thumbnail pt-cv-thumb-default\" target=\"_self\" ><\/a>\n<div class=\"pt-cv-taxoterm above_title\"><a href='https:\/\/www.dmsjuridica.com\/buscador_20179478954\/corteconstitucionalcronologico202454587\/category\/buscar-en-toda-la-corte\/2004\/tutelas-2004\/' title='Tutelas 2004' class='pt-cv-tax-tutelas-2004'>Tutelas 2004<\/a><\/div>\n<h4 class=\"pt-cv-title\"><a href=\"https:\/\/www.dmsjuridica.com\/buscador_20179478954\/corteconstitucionalcronologico202454587\/t-880-04\/\" class=\"_self\" target=\"_self\" >T-880-04<\/a><\/h4>\n<div class=\"pt-cv-content\">\u00a0 \u00a0 Sentencia T-880\/04 \u00a0 DERECHO A LA SALUD DEL MENOR EN REGIMEN SUBSIDIADO-Atenci\u00f3n m\u00e9dica por problemas auditivos que est\u00e1 excluida en el POS-S \u00a0 En este caso se cumplen los supuestos f\u00e1cticos fijados por el precedente citado: (i) una entidad encargada de prestar el servicio de salud (Solsalud EPS) se niega a practicar los ex\u00e1menes y tratamientos m\u00e9dicos requeridos por una menor de edad que padece una patolog\u00eda grave (hipoacusia neurosensorial severa bilateral) (ii) ordenados por el m\u00e9dico tratante, (iii) dentro del r\u00e9gimen subsi\u00addiado de salud, (iv) servicios que son necesarios para preservar su derecho a la salud, que ...<br \/><div class=\"pt-cv-rmwrap\"><a href=\"https:\/\/www.dmsjuridica.com\/buscador_20179478954\/corteconstitucionalcronologico202454587\/t-880-04\/\" class=\"_self pt-cv-readmore btn btn-success\" target=\"_self\">Ver Sentencia Completa...<\/a><\/div><\/div><\/div><\/div>\n<div class=\"col-md-12 col-sm-12 col-xs-12 pt-cv-content-item pt-cv-1-col\" ><div class='pt-cv-ifield'><a href=\"https:\/\/www.dmsjuridica.com\/buscador_20179478954\/corteconstitucionalcronologico202454587\/t-879-04\/\" class=\"_self pt-cv-href-thumbnail pt-cv-thumb-default\" target=\"_self\" ><\/a>\n<div class=\"pt-cv-taxoterm above_title\"><a href='https:\/\/www.dmsjuridica.com\/buscador_20179478954\/corteconstitucionalcronologico202454587\/category\/buscar-en-toda-la-corte\/2004\/tutelas-2004\/' title='Tutelas 2004' class='pt-cv-tax-tutelas-2004'>Tutelas 2004<\/a><\/div>\n<h4 class=\"pt-cv-title\"><a href=\"https:\/\/www.dmsjuridica.com\/buscador_20179478954\/corteconstitucionalcronologico202454587\/t-879-04\/\" class=\"_self\" target=\"_self\" >T-879-04<\/a><\/h4>\n<div class=\"pt-cv-content\">\u00a0 \u00a0 Sentencia T-879\/04 \u00a0 Referencia: expediente T-922835 \u00a0 Acci\u00f3n de tutela instaurada por Mar\u00eda Lucy Alf\u00e9rez de Godoy contra Salud Colmena EPS \u00a0 Magistrado Ponente: \u00a0 Dr. MANUEL JOS\u00c9 CEPEDA ESPINOSA \u00a0 Bogot\u00e1, D.C., nueve (9) de septiembre de dos mil cuatro (2004). \u00a0 \u00a0 I. ANTECEDENTES \u00a0 1. El 26 de enero de 2004, el m\u00e9dico tratante de Mar\u00eda Alf\u00e9rez Godoy, Dr. Luis Carlos S\u00e1enz, MD Cardi\u00f3logo, Jefe de Electrofisiolog\u00eda y Marcapasos de la Instituci\u00f3n de Cardiolog\u00eda Fundaci\u00f3n Cardio-infantil, consider\u00f3 que ella requiere un \u201cestudio electrofisiol\u00f3gico, mapeo y ablaci\u00f3n\u201d debido a que present\u00f3 un nuevo episodio de \u201ctaquicardia ...<br \/><div class=\"pt-cv-rmwrap\"><a href=\"https:\/\/www.dmsjuridica.com\/buscador_20179478954\/corteconstitucionalcronologico202454587\/t-879-04\/\" class=\"_self pt-cv-readmore btn btn-success\" target=\"_self\">Ver Sentencia Completa...<\/a><\/div><\/div><\/div><\/div>\n<div class=\"col-md-12 col-sm-12 col-xs-12 pt-cv-content-item pt-cv-1-col\" ><div class='pt-cv-ifield'><a href=\"https:\/\/www.dmsjuridica.com\/buscador_20179478954\/corteconstitucionalcronologico202454587\/t-878-04\/\" class=\"_self pt-cv-href-thumbnail pt-cv-thumb-default\" target=\"_self\" ><\/a>\n<div class=\"pt-cv-taxoterm above_title\"><a href='https:\/\/www.dmsjuridica.com\/buscador_20179478954\/corteconstitucionalcronologico202454587\/category\/buscar-en-toda-la-corte\/2004\/tutelas-2004\/' title='Tutelas 2004' class='pt-cv-tax-tutelas-2004'>Tutelas 2004<\/a><\/div>\n<h4 class=\"pt-cv-title\"><a href=\"https:\/\/www.dmsjuridica.com\/buscador_20179478954\/corteconstitucionalcronologico202454587\/t-878-04\/\" class=\"_self\" target=\"_self\" >T-878-04<\/a><\/h4>\n<div class=\"pt-cv-content\">\u00a0 \u00a0 Sentencia T-878\/04 \u00a0 LICENCIA DE MATERNIDAD-Ampliaci\u00f3n del t\u00e9rmino al primer a\u00f1o de vida del ni\u00f1o para presentar la tutela pero en este caso expir\u00f3 \u00a0 Referencia: expediente T-919665 \u00a0 Acci\u00f3n de tutela instaurada por Erika Trujillo Tovar en contra de Saludcoop E.P.S. \u2013 Direcci\u00f3n Seccional Huila y la E.S.E. Hospital Nuestra Se\u00f1ora de Guadalupe del municipio de Guadalupe (Huila). \u00a0 Magistrado Ponente: \u00a0 Dr. MANUEL JOSE CEPEDA ESPINOSA \u00a0 Bogot\u00e1, D. C., nueve (9) de septiembre de dos mil cuatro (2004). \u00a0 La Sala Tercera de Revisi\u00f3n de la Corte Constitucional, integrada por los magistrados Manuel Jos\u00e9 Cepeda ...<br \/><div class=\"pt-cv-rmwrap\"><a href=\"https:\/\/www.dmsjuridica.com\/buscador_20179478954\/corteconstitucionalcronologico202454587\/t-878-04\/\" class=\"_self pt-cv-readmore btn btn-success\" target=\"_self\">Ver Sentencia Completa...<\/a><\/div><\/div><\/div><\/div>\n<div class=\"col-md-12 col-sm-12 col-xs-12 pt-cv-content-item pt-cv-1-col\" ><div class='pt-cv-ifield'><a href=\"https:\/\/www.dmsjuridica.com\/buscador_20179478954\/corteconstitucionalcronologico202454587\/t-877-04\/\" class=\"_self pt-cv-href-thumbnail pt-cv-thumb-default\" target=\"_self\" ><\/a>\n<div class=\"pt-cv-taxoterm above_title\"><a href='https:\/\/www.dmsjuridica.com\/buscador_20179478954\/corteconstitucionalcronologico202454587\/category\/buscar-en-toda-la-corte\/2004\/tutelas-2004\/' title='Tutelas 2004' class='pt-cv-tax-tutelas-2004'>Tutelas 2004<\/a><\/div>\n<h4 class=\"pt-cv-title\"><a href=\"https:\/\/www.dmsjuridica.com\/buscador_20179478954\/corteconstitucionalcronologico202454587\/t-877-04\/\" class=\"_self\" target=\"_self\" >T-877-04<\/a><\/h4>\n<div class=\"pt-cv-content\">\u00a0 \u00a0 Sentencia T-877\/04 \u00a0 NOMBRAMIENTO EN PROVISIONALIDAD DE DOCENTE-Improcedencia de tutela \u00a0 Se observa por la Sala de Revisi\u00f3n que lo perseguido en la acci\u00f3n de tutela que se examina, es que a trav\u00e9s de dicho mecanismo se ordene a la entidad accionada la vinculaci\u00f3n en provisionalidad de la demandante como docente de ese departamento, circunstancia que escapa por completo a la competencia del juez constitucional. En efecto, el problema de su no vinculaci\u00f3n en provisionalidad en los t\u00e9rminos establecidos por la Ley 715 de 2001, art\u00edculo 38, surge de la controversia del cumplimiento o no de los requisitos ...<br \/><div class=\"pt-cv-rmwrap\"><a href=\"https:\/\/www.dmsjuridica.com\/buscador_20179478954\/corteconstitucionalcronologico202454587\/t-877-04\/\" class=\"_self pt-cv-readmore btn btn-success\" target=\"_self\">Ver Sentencia Completa...<\/a><\/div><\/div><\/div><\/div>\n<div class=\"col-md-12 col-sm-12 col-xs-12 pt-cv-content-item pt-cv-1-col\" ><div class='pt-cv-ifield'><a href=\"https:\/\/www.dmsjuridica.com\/buscador_20179478954\/corteconstitucionalcronologico202454587\/t-876-04\/\" class=\"_self pt-cv-href-thumbnail pt-cv-thumb-default\" target=\"_self\" ><\/a>\n<div class=\"pt-cv-taxoterm above_title\"><a href='https:\/\/www.dmsjuridica.com\/buscador_20179478954\/corteconstitucionalcronologico202454587\/category\/buscar-en-toda-la-corte\/2004\/tutelas-2004\/' title='Tutelas 2004' class='pt-cv-tax-tutelas-2004'>Tutelas 2004<\/a><\/div>\n<h4 class=\"pt-cv-title\"><a href=\"https:\/\/www.dmsjuridica.com\/buscador_20179478954\/corteconstitucionalcronologico202454587\/t-876-04\/\" class=\"_self\" target=\"_self\" >T-876-04<\/a><\/h4>\n<div class=\"pt-cv-content\">\u00a0 \u00a0 Sentencia T-876\/04 \u00a0 ESTABILIDAD LABORAL EN EL PROGRAMA DE RENOVACION DE LA ADMINISTRACION PUBLICA-Protecci\u00f3n especial \u00a0 De conformidad con la ley 790 de 2002, dentro del programa de renovaci\u00f3n de la administraci\u00f3n p\u00fablica, se estableci\u00f3 una protecci\u00f3n especial encaminada a otorgar cierta estabilidad laboral a un grupo de personas que por su condici\u00f3n, merec\u00edan este tratamiento. Norma que fue declarada exequible por la Corte, al considerar que dicha disposici\u00f3n, lejos de consagrar alg\u00fan tipo de discriminaci\u00f3n, establec\u00eda como regla general la permanencia en el empleo de la mujer cabeza de familia, como una consecuencia de la obligaci\u00f3n estatal ...<br \/><div class=\"pt-cv-rmwrap\"><a href=\"https:\/\/www.dmsjuridica.com\/buscador_20179478954\/corteconstitucionalcronologico202454587\/t-876-04\/\" class=\"_self pt-cv-readmore btn btn-success\" target=\"_self\">Ver Sentencia Completa...<\/a><\/div><\/div><\/div><\/div>\n<div class=\"col-md-12 col-sm-12 col-xs-12 pt-cv-content-item pt-cv-1-col\" ><div class='pt-cv-ifield'><a href=\"https:\/\/www.dmsjuridica.com\/buscador_20179478954\/corteconstitucionalcronologico202454587\/t-875-04\/\" class=\"_self pt-cv-href-thumbnail pt-cv-thumb-default\" target=\"_self\" ><\/a>\n<div class=\"pt-cv-taxoterm above_title\"><a href='https:\/\/www.dmsjuridica.com\/buscador_20179478954\/corteconstitucionalcronologico202454587\/category\/buscar-en-toda-la-corte\/2004\/tutelas-2004\/' title='Tutelas 2004' class='pt-cv-tax-tutelas-2004'>Tutelas 2004<\/a><\/div>\n<h4 class=\"pt-cv-title\"><a href=\"https:\/\/www.dmsjuridica.com\/buscador_20179478954\/corteconstitucionalcronologico202454587\/t-875-04\/\" class=\"_self\" target=\"_self\" >T-875-04<\/a><\/h4>\n<div class=\"pt-cv-content\">\u00a0 \u00a0 Sentencia T-875\/04 \u00a0 ACCIDENTE DE TRABAJO-No atenci\u00f3n de salud por parte de la ARP\u00a0 \u00a0 ACCIDENTE DE TRABAJO-Siniestro con causa o con ocasi\u00f3n de actividad laboral \u00a0 RIESGOS PROFESIONALES EN EL SISTEMA DE SEGURIDAD SOCIAL INTEGRAL \u00a0 La ubicaci\u00f3n en el sistema de seguridad social integral de los riesgos profesionales, implica para \u00e9stos, entre otras, las siguientes consecuencias : que prestan \u00a0un servicio p\u00fablico; que hacen parte de un sistema integral y arm\u00f3nico; que deben cumplir la garant\u00eda del acceso y la continuidad en la prestaci\u00f3n del servicio; que la atenci\u00f3n asistencial y econ\u00f3mica debe ser integral; que, ...<br \/><div class=\"pt-cv-rmwrap\"><a href=\"https:\/\/www.dmsjuridica.com\/buscador_20179478954\/corteconstitucionalcronologico202454587\/t-875-04\/\" class=\"_self pt-cv-readmore btn btn-success\" target=\"_self\">Ver Sentencia Completa...<\/a><\/div><\/div><\/div><\/div>\n<div class=\"col-md-12 col-sm-12 col-xs-12 pt-cv-content-item pt-cv-1-col\" ><div class='pt-cv-ifield'><a href=\"https:\/\/www.dmsjuridica.com\/buscador_20179478954\/corteconstitucionalcronologico202454587\/t-874-04\/\" class=\"_self pt-cv-href-thumbnail pt-cv-thumb-default\" target=\"_self\" ><\/a>\n<div class=\"pt-cv-taxoterm above_title\"><a href='https:\/\/www.dmsjuridica.com\/buscador_20179478954\/corteconstitucionalcronologico202454587\/category\/buscar-en-toda-la-corte\/2004\/tutelas-2004\/' title='Tutelas 2004' class='pt-cv-tax-tutelas-2004'>Tutelas 2004<\/a><\/div>\n<h4 class=\"pt-cv-title\"><a href=\"https:\/\/www.dmsjuridica.com\/buscador_20179478954\/corteconstitucionalcronologico202454587\/t-874-04\/\" class=\"_self\" target=\"_self\" >T-874-04<\/a><\/h4>\n<div class=\"pt-cv-content\">\u00a0 \u00a0 Sentencia T-874\/04 \u00a0 ACCION DE TUTELA CONTRA ENTIDAD FINANCIERA-Procedencia \u00a0 ENTIDAD BANCARIA-Retenci\u00f3n del original del pagar\u00e9 de cr\u00e9dito hipotecario \u00a0 ENTIDAD BANCARIA-Discusi\u00f3n sobre doble alivio tributario en casos de UPAC \u00a0 DEBIDO PROCESO-Vulneraci\u00f3n de Granahorrar al solicitar saldo despu\u00e9s de expedido el paz y salvo\/ENTIDAD BANCARIA-No debe abusar de su posici\u00f3n dominante \u00a0 Referencia: expediente T-843475 \u00a0 Acci\u00f3n de tutela instaurada por Carlos Abel Jara Baquero contra el Banco Granahorrar S.A.\u00a0 \u00a0 Magistrado Ponente\u00a0 \u00a0 Dr. ALVARO TAFUR GALVIS \u00a0 Bogot\u00e1, D.C., nueve (9) de septiembre de dos mil cuatro (2004). \u00a0 La Sala Octava de Revisi\u00f3n de ...<br \/><div class=\"pt-cv-rmwrap\"><a href=\"https:\/\/www.dmsjuridica.com\/buscador_20179478954\/corteconstitucionalcronologico202454587\/t-874-04\/\" class=\"_self pt-cv-readmore btn btn-success\" target=\"_self\">Ver Sentencia Completa...<\/a><\/div><\/div><\/div><\/div>\n<div class=\"col-md-12 col-sm-12 col-xs-12 pt-cv-content-item pt-cv-1-col\" ><div class='pt-cv-ifield'><a href=\"https:\/\/www.dmsjuridica.com\/buscador_20179478954\/corteconstitucionalcronologico202454587\/t-873-04\/\" class=\"_self pt-cv-href-thumbnail pt-cv-thumb-default\" target=\"_self\" ><\/a>\n<div class=\"pt-cv-taxoterm above_title\"><a href='https:\/\/www.dmsjuridica.com\/buscador_20179478954\/corteconstitucionalcronologico202454587\/category\/buscar-en-toda-la-corte\/2004\/tutelas-2004\/' title='Tutelas 2004' class='pt-cv-tax-tutelas-2004'>Tutelas 2004<\/a><\/div>\n<h4 class=\"pt-cv-title\"><a href=\"https:\/\/www.dmsjuridica.com\/buscador_20179478954\/corteconstitucionalcronologico202454587\/t-873-04\/\" class=\"_self\" target=\"_self\" >T-873-04<\/a><\/h4>\n<div class=\"pt-cv-content\">\u00a0 \u00a0 Sentencia T-873\/04 \u00a0 ACCION DE TUTELA CONTRA PROVIDENCIAS JUDICIALES POR VIA DE HECHO \u00a0 FUERO SINDICAL Y DERECHO DE ASOCIACION SINDICAL-Alcance de las leyes que reconocen esta garant\u00eda constitucional \u00a0 FUERO SINDICAL-Opera desde que se hace la comunicaci\u00f3n al empleador \u00a0 Si bien el fuero sindical nace autom\u00e1ticamente para los fundadores de la organizaci\u00f3n desde el momento de su constituci\u00f3n, ella debe ser demostrada para que tenga efectos frente a terceros, y por ello la ley exige la comunicaci\u00f3n al empleador sobre la constituci\u00f3n del sindicato, aclarando que la copia de tal comunicaci\u00f3n es la prueba de la ...<br \/><div class=\"pt-cv-rmwrap\"><a href=\"https:\/\/www.dmsjuridica.com\/buscador_20179478954\/corteconstitucionalcronologico202454587\/t-873-04\/\" class=\"_self pt-cv-readmore btn btn-success\" target=\"_self\">Ver Sentencia Completa...<\/a><\/div><\/div><\/div><\/div>\n<div class=\"col-md-12 col-sm-12 col-xs-12 pt-cv-content-item pt-cv-1-col\" ><div class='pt-cv-ifield'><a href=\"https:\/\/www.dmsjuridica.com\/buscador_20179478954\/corteconstitucionalcronologico202454587\/t-872-04\/\" class=\"_self pt-cv-href-thumbnail pt-cv-thumb-default\" target=\"_self\" ><\/a>\n<div class=\"pt-cv-taxoterm above_title\"><a href='https:\/\/www.dmsjuridica.com\/buscador_20179478954\/corteconstitucionalcronologico202454587\/category\/buscar-en-toda-la-corte\/2004\/tutelas-2004\/' title='Tutelas 2004' class='pt-cv-tax-tutelas-2004'>Tutelas 2004<\/a><\/div>\n<h4 class=\"pt-cv-title\"><a href=\"https:\/\/www.dmsjuridica.com\/buscador_20179478954\/corteconstitucionalcronologico202454587\/t-872-04\/\" class=\"_self\" target=\"_self\" >T-872-04<\/a><\/h4>\n<div class=\"pt-cv-content\">\u00a0 \u00a0 Sentencia T-872\/04 \u00a0 DERECHO A LA ESTABILIDAD LABORAL REFORZADA DE MUJER EMBARAZADA-Casos en que puede ser desvinculada \u00a0 El hecho de que la mujer embarazada sea objeto de protecci\u00f3n laboral especial no significa que \u00e9sta no pueda ser desvinculada por ning\u00fan otro motivo. La jurisprudencia constitucional ha precisado que el fuero de maternidad no implica la petrificaci\u00f3n de la relaci\u00f3n laboral, de manera que el empleador quede subordinado a ese v\u00ednculo de manera indefinida. En conclusi\u00f3n, la Corte Constitucional reconoce que, pese a la existencia del fuero de maternidad, la madre puede ser desvinculada de su empleo mediando ...<br \/><div class=\"pt-cv-rmwrap\"><a href=\"https:\/\/www.dmsjuridica.com\/buscador_20179478954\/corteconstitucionalcronologico202454587\/t-872-04\/\" class=\"_self pt-cv-readmore btn btn-success\" target=\"_self\">Ver Sentencia Completa...<\/a><\/div><\/div><\/div><\/div>\n<div class=\"col-md-12 col-sm-12 col-xs-12 pt-cv-content-item pt-cv-1-col\" ><div class='pt-cv-ifield'><a href=\"https:\/\/www.dmsjuridica.com\/buscador_20179478954\/corteconstitucionalcronologico202454587\/t-871-04\/\" class=\"_self pt-cv-href-thumbnail pt-cv-thumb-default\" target=\"_self\" ><\/a>\n<div class=\"pt-cv-taxoterm above_title\"><a href='https:\/\/www.dmsjuridica.com\/buscador_20179478954\/corteconstitucionalcronologico202454587\/category\/buscar-en-toda-la-corte\/2004\/tutelas-2004\/' title='Tutelas 2004' class='pt-cv-tax-tutelas-2004'>Tutelas 2004<\/a><\/div>\n<h4 class=\"pt-cv-title\"><a href=\"https:\/\/www.dmsjuridica.com\/buscador_20179478954\/corteconstitucionalcronologico202454587\/t-871-04\/\" class=\"_self\" target=\"_self\" >T-871-04<\/a><\/h4>\n<div class=\"pt-cv-content\">\u00a0 \u00a0 Sentencia T-871\/04 \u00a0 DERECHO A LA SALUD-Pr\u00e1ctica de examen de resonancia magn\u00e9tica \u00a0 Referencia: Expediente: T-934684 \u00a0 \u00a0 Accionante: A\u00edda Ruby Mendoza de Libreros \u00a0 Procedencia: Juzgado Segundo Laboral del Circuito de Cali \u00a0 Magistrado Ponente:\u00a0 \u00a0 Dr. MARCO GERARDO MONROY CABRA \u00a0 Bogot\u00e1 D.C., nueve (9) de septiembre de dos mil cuatro (2004) \u00a0 SENTENCIA \u00a0 En el proceso de revisi\u00f3n de la tutela n\u00famero T-934684, acci\u00f3n promovida por la ciudadana A\u00edda Ruby Mendoza de Libreros contra la E.P.S. Instituto de Seguros Sociales, Seccional Valle del Cauca. El fallo fue proferido por el Juzgado Segundo Laboral del ...<br \/><div class=\"pt-cv-rmwrap\"><a href=\"https:\/\/www.dmsjuridica.com\/buscador_20179478954\/corteconstitucionalcronologico202454587\/t-871-04\/\" class=\"_self pt-cv-readmore btn btn-success\" target=\"_self\">Ver Sentencia Completa...<\/a><\/div><\/div><\/div><\/div>\n<div class=\"col-md-12 col-sm-12 col-xs-12 pt-cv-content-item pt-cv-1-col\" ><div class='pt-cv-ifield'><a href=\"https:\/\/www.dmsjuridica.com\/buscador_20179478954\/corteconstitucionalcronologico202454587\/t-870-04\/\" class=\"_self pt-cv-href-thumbnail pt-cv-thumb-default\" target=\"_self\" ><\/a>\n<div class=\"pt-cv-taxoterm above_title\"><a href='https:\/\/www.dmsjuridica.com\/buscador_20179478954\/corteconstitucionalcronologico202454587\/category\/buscar-en-toda-la-corte\/2004\/tutelas-2004\/' title='Tutelas 2004' class='pt-cv-tax-tutelas-2004'>Tutelas 2004<\/a><\/div>\n<h4 class=\"pt-cv-title\"><a href=\"https:\/\/www.dmsjuridica.com\/buscador_20179478954\/corteconstitucionalcronologico202454587\/t-870-04\/\" class=\"_self\" target=\"_self\" >T-870-04<\/a><\/h4>\n<div class=\"pt-cv-content\">\u00a0 \u00a0 Sentencia T-870\/04 \u00a0 ACCION DE TUTELA-Improcedencia pago de retroactivo pensional \u00a0 Puede que los peticionarios aleguen que con la falta de pago del retroactivo del reajuste pensional se les vulnera otro derecho diferente al m\u00ednimo vital. Si se alega la violaci\u00f3n de otro derecho, el perjuicio irremediable que se le cause a \u00e9ste de no concederse el amparo, tambi\u00e9n debe estar probado en la tutela. La mera posibilidad de que exista tal vulneraci\u00f3n no es argumento suficiente para que prospere la tutela, toda vez que, en principio, para solucionar \u00e9sta existen mecanismos ordinarios de protecci\u00f3n. \u00a0 DERECHO A ...<br \/><div class=\"pt-cv-rmwrap\"><a href=\"https:\/\/www.dmsjuridica.com\/buscador_20179478954\/corteconstitucionalcronologico202454587\/t-870-04\/\" class=\"_self pt-cv-readmore btn btn-success\" target=\"_self\">Ver Sentencia Completa...<\/a><\/div><\/div><\/div><\/div>\n<div class=\"col-md-12 col-sm-12 col-xs-12 pt-cv-content-item pt-cv-1-col\" ><div class='pt-cv-ifield'><a href=\"https:\/\/www.dmsjuridica.com\/buscador_20179478954\/corteconstitucionalcronologico202454587\/t-869-04\/\" class=\"_self pt-cv-href-thumbnail pt-cv-thumb-default\" target=\"_self\" ><\/a>\n<div class=\"pt-cv-taxoterm above_title\"><a href='https:\/\/www.dmsjuridica.com\/buscador_20179478954\/corteconstitucionalcronologico202454587\/category\/buscar-en-toda-la-corte\/2004\/tutelas-2004\/' title='Tutelas 2004' class='pt-cv-tax-tutelas-2004'>Tutelas 2004<\/a><\/div>\n<h4 class=\"pt-cv-title\"><a href=\"https:\/\/www.dmsjuridica.com\/buscador_20179478954\/corteconstitucionalcronologico202454587\/t-869-04\/\" class=\"_self\" target=\"_self\" >T-869-04<\/a><\/h4>\n<div class=\"pt-cv-content\">\u00a0 \u00a0 Sentencia T-869\/04 \u00a0 LICENCIA DE MATERNIDAD-Procedencia excepcional de tutela para el pago \u00a0 LICENCIA DE MATERNIDAD-Pago por allanamiento a la mora por EPS \u00a0 ENTIDAD PROMOTORA DE SALUD-No puede negar el pago de la licencia de maternidad excus\u00e1ndose en que los pagos fueron extempor\u00e1neos \u00a0 \u00a0 Referencia: expediente T-919757 \u00a0 Peticionario: Tulia Raquel Torres Viloria, en representaci\u00f3n de su menor hijo Javier Steven Torres Viloria, y de sus padres Luis Torres y Nidia Viloria \u00a0 Accionado: Coomeva EPS \u00a0 Magistrado Ponente: \u00a0 Dr. MARCO GERARDO MONROY CABRA. \u00a0 Bogot\u00e1 D. C., nueve (9) de septiembre de dos mil ...<br \/><div class=\"pt-cv-rmwrap\"><a href=\"https:\/\/www.dmsjuridica.com\/buscador_20179478954\/corteconstitucionalcronologico202454587\/t-869-04\/\" class=\"_self pt-cv-readmore btn btn-success\" target=\"_self\">Ver Sentencia Completa...<\/a><\/div><\/div><\/div><\/div>\n<div class=\"col-md-12 col-sm-12 col-xs-12 pt-cv-content-item pt-cv-1-col\" ><div class='pt-cv-ifield'><a href=\"https:\/\/www.dmsjuridica.com\/buscador_20179478954\/corteconstitucionalcronologico202454587\/t-868-04\/\" class=\"_self pt-cv-href-thumbnail pt-cv-thumb-default\" target=\"_self\" ><\/a>\n<div class=\"pt-cv-taxoterm above_title\"><a href='https:\/\/www.dmsjuridica.com\/buscador_20179478954\/corteconstitucionalcronologico202454587\/category\/buscar-en-toda-la-corte\/2004\/tutelas-2004\/' title='Tutelas 2004' class='pt-cv-tax-tutelas-2004'>Tutelas 2004<\/a><\/div>\n<h4 class=\"pt-cv-title\"><a href=\"https:\/\/www.dmsjuridica.com\/buscador_20179478954\/corteconstitucionalcronologico202454587\/t-868-04\/\" class=\"_self\" target=\"_self\" >T-868-04<\/a><\/h4>\n<div class=\"pt-cv-content\">\u00a0 \u00a0 Sentencia T-868\/04 \u00a0 DERECHO A LA SALUD DEL MENOR-Atenci\u00f3n m\u00e9dica integral por cuadriplegia y sin cancelar cuota de copago \u00a0 PRESUNCION DE VERACIDAD DE INCAPACIDAD ECONOMICA-Beneficiarios del SISBEN \u00a0 Reiteraci\u00f3n de Jurisprudencia \u00a0 Referencia: expediente T-917441 \u00a0 Acci\u00f3n de tutela instaurada por Arnubia Castillo contra EMSANNAR ESS. \u00a0 \u00a0 \u00a0 Magistrado Ponente: \u00a0 Dr. JAIME C\u00d3RDOBA TRIVI\u00d1O \u00a0 Bogot\u00e1 D.C., seis (6) de septiembre de dos mil cuatro (2004). \u00a0 SENTENCIA \u00a0 dentro del proceso de revisi\u00f3n del fallo dictado en el asunto de la referencia por el Juzgado D\u00e9cimo Penal Municipal de Cali, el 19 de abril ...<br \/><div class=\"pt-cv-rmwrap\"><a href=\"https:\/\/www.dmsjuridica.com\/buscador_20179478954\/corteconstitucionalcronologico202454587\/t-868-04\/\" class=\"_self pt-cv-readmore btn btn-success\" target=\"_self\">Ver Sentencia Completa...<\/a><\/div><\/div><\/div><\/div>\n<div class=\"col-md-12 col-sm-12 col-xs-12 pt-cv-content-item pt-cv-1-col\" ><div class='pt-cv-ifield'><a href=\"https:\/\/www.dmsjuridica.com\/buscador_20179478954\/corteconstitucionalcronologico202454587\/t-862-04\/\" class=\"_self pt-cv-href-thumbnail pt-cv-thumb-default\" target=\"_self\" ><\/a>\n<div class=\"pt-cv-taxoterm above_title\"><a href='https:\/\/www.dmsjuridica.com\/buscador_20179478954\/corteconstitucionalcronologico202454587\/category\/buscar-en-toda-la-corte\/2004\/tutelas-2004\/' title='Tutelas 2004' class='pt-cv-tax-tutelas-2004'>Tutelas 2004<\/a><\/div>\n<h4 class=\"pt-cv-title\"><a href=\"https:\/\/www.dmsjuridica.com\/buscador_20179478954\/corteconstitucionalcronologico202454587\/t-862-04\/\" class=\"_self\" target=\"_self\" >T-862-04<\/a><\/h4>\n<div class=\"pt-cv-content\">\u00a0 \u00a0 Sentencia T-862\/04 \u00a0 ACCION DE TUTELA-Procedencia excepcional para reconocimiento y reajuste de mesadas pensionales \u00a0 DERECHO A LA SEGURIDAD SOCIAL EN PENSIONES-Se garantiza mediante la acci\u00f3n de tutela \u00a0 Cabe anotar que el derecho a la seguridad social es un derecho fundamental, que en materia de pensiones comprende no s\u00f3lo el reconocimiento del derecho a acceder a ellas - cuando se re\u00fanen los requisitos para ellos -, sino tambi\u00e9n el pago oportuno de las mesadas y su debido ajuste en el marco de una econom\u00eda inflacionaria. No obstante, a pesar de su car\u00e1cter fundamental, la protecci\u00f3n del derecho ...<br \/><div class=\"pt-cv-rmwrap\"><a href=\"https:\/\/www.dmsjuridica.com\/buscador_20179478954\/corteconstitucionalcronologico202454587\/t-862-04\/\" class=\"_self pt-cv-readmore btn btn-success\" target=\"_self\">Ver Sentencia Completa...<\/a><\/div><\/div><\/div><\/div>\n<div class=\"col-md-12 col-sm-12 col-xs-12 pt-cv-content-item pt-cv-1-col\" ><div class='pt-cv-ifield'><a href=\"https:\/\/www.dmsjuridica.com\/buscador_20179478954\/corteconstitucionalcronologico202454587\/t-861-04\/\" class=\"_self pt-cv-href-thumbnail pt-cv-thumb-default\" target=\"_self\" ><\/a>\n<div class=\"pt-cv-taxoterm above_title\"><a href='https:\/\/www.dmsjuridica.com\/buscador_20179478954\/corteconstitucionalcronologico202454587\/category\/buscar-en-toda-la-corte\/2004\/tutelas-2004\/' title='Tutelas 2004' class='pt-cv-tax-tutelas-2004'>Tutelas 2004<\/a><\/div>\n<h4 class=\"pt-cv-title\"><a href=\"https:\/\/www.dmsjuridica.com\/buscador_20179478954\/corteconstitucionalcronologico202454587\/t-861-04\/\" class=\"_self\" target=\"_self\" >T-861-04<\/a><\/h4>\n<div class=\"pt-cv-content\">\u00a0 \u00a0 Sentencia T-861\/04 \u00a0 LICENCIA DE MATERNIDAD-No se caus\u00f3 por no cumplir con requisito de periodo m\u00ednimo de cotizaci\u00f3n \u00a0 Referencia: expediente T-920141 \u00a0 Peticionario: Mar\u00eda Cristina Guerrero Mu\u00f1oz contra Servicio Occidental de Salud \u00a0 Magistrado Ponente: \u00a0 Dr. JAIME ARA\u00daJO RENTER\u00cdA \u00a0 Bogot\u00e1, D. C., tres (3) de septiembre de dos mil cuatro (2004). \u00a0 La Sala Primera de Revisi\u00f3n de la Corte Constitucional, integrada por los magistrados JAIME ARA\u00daJO RENTER\u00cdA, ALFREDO BELTR\u00c1N SIERRA y MANUEL JOS\u00c9 CEPEDA ESPINOSA, en ejercicio de sus competencias constitucionales y legales, ha proferido la siguiente \u00a0 SENTENCIA \u00a0 En el proceso de ...<br \/><div class=\"pt-cv-rmwrap\"><a href=\"https:\/\/www.dmsjuridica.com\/buscador_20179478954\/corteconstitucionalcronologico202454587\/t-861-04\/\" class=\"_self pt-cv-readmore btn btn-success\" target=\"_self\">Ver Sentencia Completa...<\/a><\/div><\/div><\/div><\/div>\n<div class=\"col-md-12 col-sm-12 col-xs-12 pt-cv-content-item pt-cv-1-col\" ><div class='pt-cv-ifield'><a href=\"https:\/\/www.dmsjuridica.com\/buscador_20179478954\/corteconstitucionalcronologico202454587\/t-860-04\/\" class=\"_self pt-cv-href-thumbnail pt-cv-thumb-default\" target=\"_self\" ><\/a>\n<div class=\"pt-cv-taxoterm above_title\"><a href='https:\/\/www.dmsjuridica.com\/buscador_20179478954\/corteconstitucionalcronologico202454587\/category\/buscar-en-toda-la-corte\/2004\/tutelas-2004\/' title='Tutelas 2004' class='pt-cv-tax-tutelas-2004'>Tutelas 2004<\/a><\/div>\n<h4 class=\"pt-cv-title\"><a href=\"https:\/\/www.dmsjuridica.com\/buscador_20179478954\/corteconstitucionalcronologico202454587\/t-860-04\/\" class=\"_self\" target=\"_self\" >T-860-04<\/a><\/h4>\n<div class=\"pt-cv-content\">\u00a0 \u00a0 Sentencia T-860\/04 \u00a0 DERECHO A LA SALUD DEL INTERNO-Pr\u00e1ctica de cirug\u00eda\u00a0 \u00a0 La Sala no comparte los argumentos planteados por la parte demandada y el juez que conoci\u00f3 de esta acci\u00f3n de tutela, por cuanto no es cierto que, para que proceda la protecci\u00f3n por esta v\u00eda, se requiera, como \u00fanica condici\u00f3n, que la vida del peticionario corra peligro. \u00a0Seg\u00fan lo expuesto en l\u00edneas precedentes, la protecci\u00f3n del derecho a la salud del interno se garantiza con la prestaci\u00f3n de la atenci\u00f3n m\u00e9dica que requiera, independientemente si su vida se encuentra comprometida. En el presente caso existen pruebas ...<br \/><div class=\"pt-cv-rmwrap\"><a href=\"https:\/\/www.dmsjuridica.com\/buscador_20179478954\/corteconstitucionalcronologico202454587\/t-860-04\/\" class=\"_self pt-cv-readmore btn btn-success\" target=\"_self\">Ver Sentencia Completa...<\/a><\/div><\/div><\/div><\/div>\n<div class=\"col-md-12 col-sm-12 col-xs-12 pt-cv-content-item pt-cv-1-col\" ><div class='pt-cv-ifield'><a href=\"https:\/\/www.dmsjuridica.com\/buscador_20179478954\/corteconstitucionalcronologico202454587\/t-859-04\/\" class=\"_self pt-cv-href-thumbnail pt-cv-thumb-default\" target=\"_self\" ><\/a>\n<div class=\"pt-cv-taxoterm above_title\"><a href='https:\/\/www.dmsjuridica.com\/buscador_20179478954\/corteconstitucionalcronologico202454587\/category\/buscar-en-toda-la-corte\/2004\/tutelas-2004\/' title='Tutelas 2004' class='pt-cv-tax-tutelas-2004'>Tutelas 2004<\/a><\/div>\n<h4 class=\"pt-cv-title\"><a href=\"https:\/\/www.dmsjuridica.com\/buscador_20179478954\/corteconstitucionalcronologico202454587\/t-859-04\/\" class=\"_self\" target=\"_self\" >T-859-04<\/a><\/h4>\n<div class=\"pt-cv-content\">\u00a0 \u00a0 Sentencia T-859\/04 \u00a0 ACCION DE TUTELA-Procedencia excepcional para reconocimiento de derechos pensionales \u00a0 Frente a la negativa del reconocimiento de un derecho pensional, las personas cuentan con las acciones judiciales ordinarias establecidas para tal \u00a0efecto, ya sea mediante el proceso laboral ordinario o mediante la acci\u00f3n contencioso administrativa de nulidad y restablecimiento del derecho. \u00a0Por tal raz\u00f3n, la Corte ha se\u00f1alado que en principio, en estos casos, la acci\u00f3n de tutela no es el mecanismo id\u00f3neo. Sin embargo, se ha considerado su viabilidad como mecanismo transitorio, en aquellos casos en los cuales exista una violaci\u00f3n de derechos fundamentales ...<br \/><div class=\"pt-cv-rmwrap\"><a href=\"https:\/\/www.dmsjuridica.com\/buscador_20179478954\/corteconstitucionalcronologico202454587\/t-859-04\/\" class=\"_self pt-cv-readmore btn btn-success\" target=\"_self\">Ver Sentencia Completa...<\/a><\/div><\/div><\/div><\/div>\n<div class=\"col-md-12 col-sm-12 col-xs-12 pt-cv-content-item pt-cv-1-col\" ><div class='pt-cv-ifield'><a href=\"https:\/\/www.dmsjuridica.com\/buscador_20179478954\/corteconstitucionalcronologico202454587\/t-858-04\/\" class=\"_self pt-cv-href-thumbnail pt-cv-thumb-default\" target=\"_self\" ><\/a>\n<div class=\"pt-cv-taxoterm above_title\"><a href='https:\/\/www.dmsjuridica.com\/buscador_20179478954\/corteconstitucionalcronologico202454587\/category\/buscar-en-toda-la-corte\/2004\/tutelas-2004\/' title='Tutelas 2004' class='pt-cv-tax-tutelas-2004'>Tutelas 2004<\/a><\/div>\n<h4 class=\"pt-cv-title\"><a href=\"https:\/\/www.dmsjuridica.com\/buscador_20179478954\/corteconstitucionalcronologico202454587\/t-858-04\/\" class=\"_self\" target=\"_self\" >T-858-04<\/a><\/h4>\n<div class=\"pt-cv-content\">\u00a0 \u00a0 Sentencia T-858\/04 \u00a0 Si bien es cierto que el actor no compareci\u00f3 a retirar el oficio en el cual se ordenaba la pr\u00e1ctica de un examen en medicina legal, s\u00ed aparec\u00eda en el expediente un certificado m\u00e9dico que, de forma sumaria, determinaba la importancia de la cirug\u00eda que requiere el menor. Por tanto, si bien eventualmente pudo haber existido alg\u00fan tipo de negligencia por parte del padre del menor, al no concurrir con su hijo a la pr\u00e1ctica del examen en medicina legal, \u00e9ste hecho no puede tener la potencialidad de afectar directamente al ni\u00f1o, sobretodo cuando est\u00e1 ...<br \/><div class=\"pt-cv-rmwrap\"><a href=\"https:\/\/www.dmsjuridica.com\/buscador_20179478954\/corteconstitucionalcronologico202454587\/t-858-04\/\" class=\"_self pt-cv-readmore btn btn-success\" target=\"_self\">Ver Sentencia Completa...<\/a><\/div><\/div><\/div><\/div>\n<div class=\"col-md-12 col-sm-12 col-xs-12 pt-cv-content-item pt-cv-1-col\" ><div class='pt-cv-ifield'><a href=\"https:\/\/www.dmsjuridica.com\/buscador_20179478954\/corteconstitucionalcronologico202454587\/t-857-04\/\" class=\"_self pt-cv-href-thumbnail pt-cv-thumb-default\" target=\"_self\" ><\/a>\n<div class=\"pt-cv-taxoterm above_title\"><a href='https:\/\/www.dmsjuridica.com\/buscador_20179478954\/corteconstitucionalcronologico202454587\/category\/buscar-en-toda-la-corte\/2004\/tutelas-2004\/' title='Tutelas 2004' class='pt-cv-tax-tutelas-2004'>Tutelas 2004<\/a><\/div>\n<h4 class=\"pt-cv-title\"><a href=\"https:\/\/www.dmsjuridica.com\/buscador_20179478954\/corteconstitucionalcronologico202454587\/t-857-04\/\" class=\"_self\" target=\"_self\" >T-857-04<\/a><\/h4>\n<div class=\"pt-cv-content\">\u00a0 \u00a0 Sentencia T-857\/04 \u00a0 ACCION DE TUTELA TEMERARIA-Inexistencia por condiciones distintas \u00a0 Encuentra esta Sala que seg\u00fan la historia cl\u00ednica que obra como prueba en el expediente, el 26 de junio de 2002 el accionante ingres\u00f3 de urgencia a la Fundaci\u00f3n Santa Fe por haber sufrido un accidente isqu\u00e9mico transitorio de arteria cerebral derecha (derrame cerebral), hecho este que sucedi\u00f3 con posterioridad a las decisiones de tutela del Consejo de la Judicatura y que lo obliga \u00a0a tomar de manera permanente distintos medicamentos en la forma en que se lo prescribi\u00f3 el m\u00e9dico tratante. A no dudarlo, tal situaci\u00f3n ...<br \/><div class=\"pt-cv-rmwrap\"><a href=\"https:\/\/www.dmsjuridica.com\/buscador_20179478954\/corteconstitucionalcronologico202454587\/t-857-04\/\" class=\"_self pt-cv-readmore btn btn-success\" target=\"_self\">Ver Sentencia Completa...<\/a><\/div><\/div><\/div><\/div>\n<div class=\"col-md-12 col-sm-12 col-xs-12 pt-cv-content-item pt-cv-1-col\" ><div class='pt-cv-ifield'><a href=\"https:\/\/www.dmsjuridica.com\/buscador_20179478954\/corteconstitucionalcronologico202454587\/t-855-04\/\" class=\"_self pt-cv-href-thumbnail pt-cv-thumb-default\" target=\"_self\" ><\/a>\n<div class=\"pt-cv-taxoterm above_title\"><a href='https:\/\/www.dmsjuridica.com\/buscador_20179478954\/corteconstitucionalcronologico202454587\/category\/buscar-en-toda-la-corte\/2004\/tutelas-2004\/' title='Tutelas 2004' class='pt-cv-tax-tutelas-2004'>Tutelas 2004<\/a><\/div>\n<h4 class=\"pt-cv-title\"><a href=\"https:\/\/www.dmsjuridica.com\/buscador_20179478954\/corteconstitucionalcronologico202454587\/t-855-04\/\" class=\"_self\" target=\"_self\" >T-855-04<\/a><\/h4>\n<div class=\"pt-cv-content\">\u00a0 \u00a0 Sentencia T-855\/04 \u00a0 DERECHO DE PETICION-Respuesta del ISS no cumple con supuestos f\u00e1cticos m\u00ednimos establecidos por la jurisprudencia constitucional\/DERECHO DE PETICION-No debe exigirse que la respuesta sea reclamada, debe ser notificada \u00a0 En cuanto a la respuesta que la entidad demandada dio a la petici\u00f3n de la actora, la Corte encuentra que \u00e9sta no se compadece de los criterios resaltados por la jurisprudencia en los apartados anteriores. Esto, debido a que una respuesta que la accionante no conoci\u00f3 pues \u201cno ha sido reclamada\u201d no constituye una respuesta clara y oportuna notificada a los interesados. Como se observa en ...<br \/><div class=\"pt-cv-rmwrap\"><a href=\"https:\/\/www.dmsjuridica.com\/buscador_20179478954\/corteconstitucionalcronologico202454587\/t-855-04\/\" class=\"_self pt-cv-readmore btn btn-success\" target=\"_self\">Ver Sentencia Completa...<\/a><\/div><\/div><\/div><\/div>\n<div class=\"col-md-12 col-sm-12 col-xs-12 pt-cv-content-item pt-cv-1-col\" ><div class='pt-cv-ifield'><a href=\"https:\/\/www.dmsjuridica.com\/buscador_20179478954\/corteconstitucionalcronologico202454587\/t-854-04\/\" class=\"_self pt-cv-href-thumbnail pt-cv-thumb-default\" target=\"_self\" ><\/a>\n<div class=\"pt-cv-taxoterm above_title\"><a href='https:\/\/www.dmsjuridica.com\/buscador_20179478954\/corteconstitucionalcronologico202454587\/category\/buscar-en-toda-la-corte\/2004\/tutelas-2004\/' title='Tutelas 2004' class='pt-cv-tax-tutelas-2004'>Tutelas 2004<\/a><\/div>\n<h4 class=\"pt-cv-title\"><a href=\"https:\/\/www.dmsjuridica.com\/buscador_20179478954\/corteconstitucionalcronologico202454587\/t-854-04\/\" class=\"_self\" target=\"_self\" >T-854-04<\/a><\/h4>\n<div class=\"pt-cv-content\">\u00a0 \u00a0 Sentencia T-854\/04 \u00a0 LICENCIA DE MATERNIDAD Y DERECHO DE PETICION-Se viola cuando la entidad se niega a recibir, tramitar y dar respuesta de fondo \u00a0 En el caso objeto de revisi\u00f3n se tiene que el ISS EPS no s\u00f3lo se neg\u00f3 darle una respuesta de fondo a la solicitud de la accionante, sino lo que es peor a\u00fan, se neg\u00f3 a recibirle su petici\u00f3n, aduciendo que por tratarse del pago de una licencia de maternidad de una trabajadora dependiente, s\u00f3lo pod\u00eda recibirle la solicitud a su empleador y no a ella directamente. Tal actuar del ISS EPS constituye ...<br \/><div class=\"pt-cv-rmwrap\"><a href=\"https:\/\/www.dmsjuridica.com\/buscador_20179478954\/corteconstitucionalcronologico202454587\/t-854-04\/\" class=\"_self pt-cv-readmore btn btn-success\" target=\"_self\">Ver Sentencia Completa...<\/a><\/div><\/div><\/div><\/div>\n<div class=\"col-md-12 col-sm-12 col-xs-12 pt-cv-content-item pt-cv-1-col\" ><div class='pt-cv-ifield'><a href=\"https:\/\/www.dmsjuridica.com\/buscador_20179478954\/corteconstitucionalcronologico202454587\/t-853-04\/\" class=\"_self pt-cv-href-thumbnail pt-cv-thumb-default\" target=\"_self\" ><\/a>\n<div class=\"pt-cv-taxoterm above_title\"><a href='https:\/\/www.dmsjuridica.com\/buscador_20179478954\/corteconstitucionalcronologico202454587\/category\/buscar-en-toda-la-corte\/2004\/tutelas-2004\/' title='Tutelas 2004' class='pt-cv-tax-tutelas-2004'>Tutelas 2004<\/a><\/div>\n<h4 class=\"pt-cv-title\"><a href=\"https:\/\/www.dmsjuridica.com\/buscador_20179478954\/corteconstitucionalcronologico202454587\/t-853-04\/\" class=\"_self\" target=\"_self\" >T-853-04<\/a><\/h4>\n<div class=\"pt-cv-content\">\u00a0 \u00a0 Sentencia T-853\/04 \u00a0 DERECHO A LA EDUCACION-Estudiante menor de edad que contrajo matrimonio civil \u00a0 La demandante, en ejercicio de su derecho constitucional fundamental a constituir una familia, opt\u00f3 libre y aut\u00f3nomamente por contraer matrimonio civil. \u00a0El ejercicio de un derecho fundamental en un \u00e1mbito estrictamente privado por parte de una adolescente que cursa su \u00faltimo a\u00f1o de educaci\u00f3n media (und\u00e9cimo grado) es un acto leg\u00edtimo, amparado y protegido especialmente por la Constituci\u00f3n y los Convenios internacionales sobre la materia, que no puede dar lugar a tratos diferentes al del resto de sus compa\u00f1eras, m\u00e1xime si el trato ...<br \/><div class=\"pt-cv-rmwrap\"><a href=\"https:\/\/www.dmsjuridica.com\/buscador_20179478954\/corteconstitucionalcronologico202454587\/t-853-04\/\" class=\"_self pt-cv-readmore btn btn-success\" target=\"_self\">Ver Sentencia Completa...<\/a><\/div><\/div><\/div><\/div>\n<div class=\"col-md-12 col-sm-12 col-xs-12 pt-cv-content-item pt-cv-1-col\" ><div class='pt-cv-ifield'><a href=\"https:\/\/www.dmsjuridica.com\/buscador_20179478954\/corteconstitucionalcronologico202454587\/t-852-04\/\" class=\"_self pt-cv-href-thumbnail pt-cv-thumb-default\" target=\"_self\" ><\/a>\n<div class=\"pt-cv-taxoterm above_title\"><a href='https:\/\/www.dmsjuridica.com\/buscador_20179478954\/corteconstitucionalcronologico202454587\/category\/buscar-en-toda-la-corte\/2004\/tutelas-2004\/' title='Tutelas 2004' class='pt-cv-tax-tutelas-2004'>Tutelas 2004<\/a><\/div>\n<h4 class=\"pt-cv-title\"><a href=\"https:\/\/www.dmsjuridica.com\/buscador_20179478954\/corteconstitucionalcronologico202454587\/t-852-04\/\" class=\"_self\" target=\"_self\" >T-852-04<\/a><\/h4>\n<div class=\"pt-cv-content\">\u00a0 \u00a0 Sentencia T-852\/04 \u00a0 ACCION DE TUTELA-Hecho superado por incorporaci\u00f3n de docentes amenazados a planta en otro departamento \u00a0 Referencia: expediente T-883162 \u00a0 Acci\u00f3n de tutela instaurada por Esteban Julio Rodr\u00edguez C\u00f3rdoba y Dilsey Zoraya Casas Duque contra la Gobernaci\u00f3n del Caquet\u00e1 y la Secretar\u00eda de Educaci\u00f3n Departamental.\u00a0 \u00a0 \u00a0 \u00a0 Magistrado Ponente: \u00a0 Bogot\u00e1, D.C., dos (2) de septiembre de dos mil cuatro (2004) \u00a0 La Sala Tercera de Revisi\u00f3n de la Corte Constitucional, integrada por los magistrados, Manuel Jos\u00e9 Cepeda Espinosa, Jaime C\u00f3rdoba Trivi\u00f1o y Rodrigo Escobar Gil, en ejercicio de sus competencias constitucionales y legales, ha ...<br \/><div class=\"pt-cv-rmwrap\"><a href=\"https:\/\/www.dmsjuridica.com\/buscador_20179478954\/corteconstitucionalcronologico202454587\/t-852-04\/\" class=\"_self pt-cv-readmore btn btn-success\" target=\"_self\">Ver Sentencia Completa...<\/a><\/div><\/div><\/div><\/div>\n<div class=\"col-md-12 col-sm-12 col-xs-12 pt-cv-content-item pt-cv-1-col\" ><div class='pt-cv-ifield'><a href=\"https:\/\/www.dmsjuridica.com\/buscador_20179478954\/corteconstitucionalcronologico202454587\/t-851-04\/\" class=\"_self pt-cv-href-thumbnail pt-cv-thumb-default\" target=\"_self\" ><\/a>\n<div class=\"pt-cv-taxoterm above_title\"><a href='https:\/\/www.dmsjuridica.com\/buscador_20179478954\/corteconstitucionalcronologico202454587\/category\/buscar-en-toda-la-corte\/2004\/tutelas-2004\/' title='Tutelas 2004' class='pt-cv-tax-tutelas-2004'>Tutelas 2004<\/a><\/div>\n<h4 class=\"pt-cv-title\"><a href=\"https:\/\/www.dmsjuridica.com\/buscador_20179478954\/corteconstitucionalcronologico202454587\/t-851-04\/\" class=\"_self\" target=\"_self\" >T-851-04<\/a><\/h4>\n<div class=\"pt-cv-content\">\u00a0 \u00a0 Sentencia T-851\/04 \u00a0 DERECHOS HUMANOS DE PERSONAS PRIVADAS DE LA LIBERTAD-Obligaciones del Estado \u00a0 DERECHOS HUMANOS DE PERSONAS PRIVADAS DE LA LIBERTAD-Reglas constitucionales, jurisprudenciales e internacionales aplicables \u00a0 DERECHOS FUNDAMENTALES DEL INTERNO-Limitaciones deben ser proporcionales a la finalidad de la medida privativa de la libertad \u00a0 ESTABLECIMIENTO CARCELARIO-Restricciones en materia de seguridad \u00a0 DERECHOS FUNDAMENTALES DE PERSONAS PRIVADAS DE LA LIBERTAD-Vulneraci\u00f3n por cuanto las autoridades han incumplido en forma grave sus obligaciones \u00a0 DERECHOS FUNDAMENTALES DE PERSONAS PRIVADAS DE LA LIBERTAD-Medidas a adoptar para lograr protecci\u00f3n efectiva \u00a0 Acci\u00f3n de tutela instaurada por H\u00e9ctor Enrique L\u00f3pez Puin, Defensor ...<br \/><div class=\"pt-cv-rmwrap\"><a href=\"https:\/\/www.dmsjuridica.com\/buscador_20179478954\/corteconstitucionalcronologico202454587\/t-851-04\/\" class=\"_self pt-cv-readmore btn btn-success\" target=\"_self\">Ver Sentencia Completa...<\/a><\/div><\/div><\/div><\/div>\n<div class=\"col-md-12 col-sm-12 col-xs-12 pt-cv-content-item pt-cv-1-col\" ><div class='pt-cv-ifield'><a href=\"https:\/\/www.dmsjuridica.com\/buscador_20179478954\/corteconstitucionalcronologico202454587\/t-850-04\/\" class=\"_self pt-cv-href-thumbnail pt-cv-thumb-default\" target=\"_self\" ><\/a>\n<div class=\"pt-cv-taxoterm above_title\"><a href='https:\/\/www.dmsjuridica.com\/buscador_20179478954\/corteconstitucionalcronologico202454587\/category\/buscar-en-toda-la-corte\/2004\/tutelas-2004\/' title='Tutelas 2004' class='pt-cv-tax-tutelas-2004'>Tutelas 2004<\/a><\/div>\n<h4 class=\"pt-cv-title\"><a href=\"https:\/\/www.dmsjuridica.com\/buscador_20179478954\/corteconstitucionalcronologico202454587\/t-850-04\/\" class=\"_self\" target=\"_self\" >T-850-04<\/a><\/h4>\n<div class=\"pt-cv-content\">\u00a0 \u00a0 Sentencia T-850\/04 \u00a0 DERECHO A LA PENSION-Fundamental por conexidad \u00a0 DERECHO A LA SEGURIDAD SOCIAL EN PENSIONES-Se garantiza mediante la acci\u00f3n de tutela \u00a0 La tutela podr\u00e1 desplazar al mecanismo ordinario de defensa, cuando con ocasi\u00f3n de la demora en el tr\u00e1mite de una solicitud pensional (i) se afecte la dignidad humana, la subsistencia en condiciones dignas, la salud, el m\u00ednimo vital, (ii) existan lazos de conexidad con derechos fundamentales, y (iii) se acredite que someter a la persona a los tr\u00e1mites de un proceso judicial ordinario resulta excesivamente gravoso. En estos casos, se ha considerado que el ...<br \/><div class=\"pt-cv-rmwrap\"><a href=\"https:\/\/www.dmsjuridica.com\/buscador_20179478954\/corteconstitucionalcronologico202454587\/t-850-04\/\" class=\"_self pt-cv-readmore btn btn-success\" target=\"_self\">Ver Sentencia Completa...<\/a><\/div><\/div><\/div><\/div>\n<div class=\"col-md-12 col-sm-12 col-xs-12 pt-cv-content-item pt-cv-1-col\" ><div class='pt-cv-ifield'><a href=\"https:\/\/www.dmsjuridica.com\/buscador_20179478954\/corteconstitucionalcronologico202454587\/t-849-04\/\" class=\"_self pt-cv-href-thumbnail pt-cv-thumb-default\" target=\"_self\" ><\/a>\n<div class=\"pt-cv-taxoterm above_title\"><a href='https:\/\/www.dmsjuridica.com\/buscador_20179478954\/corteconstitucionalcronologico202454587\/category\/buscar-en-toda-la-corte\/2004\/tutelas-2004\/' title='Tutelas 2004' class='pt-cv-tax-tutelas-2004'>Tutelas 2004<\/a><\/div>\n<h4 class=\"pt-cv-title\"><a href=\"https:\/\/www.dmsjuridica.com\/buscador_20179478954\/corteconstitucionalcronologico202454587\/t-849-04\/\" class=\"_self\" target=\"_self\" >T-849-04<\/a><\/h4>\n<div class=\"pt-cv-content\">\u00a0 \u00a0 Sentencia T-849\/04 \u00a0 SALUD OCUPACIONAL-Manuales de Salud industrial y ex\u00e1menes pre-ocupacionales no desconocen la CP \u00a0 Estos ex\u00e1menes preocupacionales le permiten al empleador conocer con antelaci\u00f3n al nombramiento, las condiciones f\u00edsicas del futuro trabajador para verificar que efectivamente cuente con las aptitudes f\u00edsicas para desempe\u00f1ar el cargo a proveer, sin detrimento de su salud o integridad f\u00edsica, y en beneficio de la empresa. Con la realizaci\u00f3n de este tipo de ex\u00e1menes se previenen enfermedades e incapacidades, se disminuyen los accidentes de trabajo y se evita la rotaci\u00f3n de personal ocasionados por las condiciones especiales de ciertos puestos de ...<br \/><div class=\"pt-cv-rmwrap\"><a href=\"https:\/\/www.dmsjuridica.com\/buscador_20179478954\/corteconstitucionalcronologico202454587\/t-849-04\/\" class=\"_self pt-cv-readmore btn btn-success\" target=\"_self\">Ver Sentencia Completa...<\/a><\/div><\/div><\/div><\/div>\n<div class=\"col-md-12 col-sm-12 col-xs-12 pt-cv-content-item pt-cv-1-col\" ><div class='pt-cv-ifield'><a href=\"https:\/\/www.dmsjuridica.com\/buscador_20179478954\/corteconstitucionalcronologico202454587\/t-848-04\/\" class=\"_self pt-cv-href-thumbnail pt-cv-thumb-default\" target=\"_self\" ><\/a>\n<div class=\"pt-cv-taxoterm above_title\"><a href='https:\/\/www.dmsjuridica.com\/buscador_20179478954\/corteconstitucionalcronologico202454587\/category\/buscar-en-toda-la-corte\/2004\/tutelas-2004\/' title='Tutelas 2004' class='pt-cv-tax-tutelas-2004'>Tutelas 2004<\/a><\/div>\n<h4 class=\"pt-cv-title\"><a href=\"https:\/\/www.dmsjuridica.com\/buscador_20179478954\/corteconstitucionalcronologico202454587\/t-848-04\/\" class=\"_self\" target=\"_self\" >T-848-04<\/a><\/h4>\n<div class=\"pt-cv-content\">\u00a0 \u00a0 Sentencia T-848\/04 \u00a0 DERECHO A LA ESTABILIDAD LABORAL REFORZADA DE MUJER EMBARAZADA-Casos en que procede protecci\u00f3n \u00a0 CONTRATO REALIDAD Y CONTRATO DE PRESTACION DE SERVICIOS-Demostraci\u00f3n de relaci\u00f3n laboral \u00a0 Esta Sala no ignora que si bien en principio estamos frente a un contrato de \u201cprestaci\u00f3n de servicios\u201d, los elementos que configuraron la relaci\u00f3n laboral presumen la existencia de un verdadero contrato de trabajo, controversia que tendr\u00e1 que ser debatida ante la jurisdicci\u00f3n ordinaria laboral. No obstante lo anterior, a la actora se le conceder\u00e1 la protecci\u00f3n constitucional de los derechos fundamentales al trabajo y la protecci\u00f3n a la ...<br \/><div class=\"pt-cv-rmwrap\"><a href=\"https:\/\/www.dmsjuridica.com\/buscador_20179478954\/corteconstitucionalcronologico202454587\/t-848-04\/\" class=\"_self pt-cv-readmore btn btn-success\" target=\"_self\">Ver Sentencia Completa...<\/a><\/div><\/div><\/div><\/div>\n<div class=\"col-md-12 col-sm-12 col-xs-12 pt-cv-content-item pt-cv-1-col\" ><div class='pt-cv-ifield'><a href=\"https:\/\/www.dmsjuridica.com\/buscador_20179478954\/corteconstitucionalcronologico202454587\/t-847-04\/\" class=\"_self pt-cv-href-thumbnail pt-cv-thumb-default\" target=\"_self\" ><\/a>\n<div class=\"pt-cv-taxoterm above_title\"><a href='https:\/\/www.dmsjuridica.com\/buscador_20179478954\/corteconstitucionalcronologico202454587\/category\/buscar-en-toda-la-corte\/2004\/tutelas-2004\/' title='Tutelas 2004' class='pt-cv-tax-tutelas-2004'>Tutelas 2004<\/a><\/div>\n<h4 class=\"pt-cv-title\"><a href=\"https:\/\/www.dmsjuridica.com\/buscador_20179478954\/corteconstitucionalcronologico202454587\/t-847-04\/\" class=\"_self\" target=\"_self\" >T-847-04<\/a><\/h4>\n<div class=\"pt-cv-content\">\u00a0 \u00a0 Sentencia T-847\/04 \u00a0 DERECHO DE PETICION EN MATERIA PENSIONAL-T\u00e9rminos para resolver \u00a0 DERECHO DE PETICION-Cajanal no respondi\u00f3 dentro del t\u00e9rmino legal \u00a0 DERECHO DE PETICION-Requisitos de la respuesta \u00a0 Referencia: expediente T-935807 \u00a0 Peticionario: Eduardo Muentes L\u00f3pez \u00a0 Magistrado Ponente: \u00a0 Dr. ALFREDO BELTR\u00c1N SIERRA \u00a0 Bogot\u00e1, D.C., dos (2) de septiembre de dos mil cuatro (2004). \u00a0 La Sala Segunda de Revisi\u00f3n de la Corte Constitucional, integrada por los magistrados, Alfredo Beltr\u00e1n Sierra, Manuel Jos\u00e9 Cepeda Espinosa y Jaime C\u00f3rdoba Trivi\u00f1o, en ejercicio de sus competencias constitucionales y legales, ha proferido la siguiente : \u00a0 SENTENCIA \u00a0 ...<br \/><div class=\"pt-cv-rmwrap\"><a href=\"https:\/\/www.dmsjuridica.com\/buscador_20179478954\/corteconstitucionalcronologico202454587\/t-847-04\/\" class=\"_self pt-cv-readmore btn btn-success\" target=\"_self\">Ver Sentencia Completa...<\/a><\/div><\/div><\/div><\/div>\n<div class=\"col-md-12 col-sm-12 col-xs-12 pt-cv-content-item pt-cv-1-col\" ><div class='pt-cv-ifield'><a href=\"https:\/\/www.dmsjuridica.com\/buscador_20179478954\/corteconstitucionalcronologico202454587\/t-846-04\/\" class=\"_self pt-cv-href-thumbnail pt-cv-thumb-default\" target=\"_self\" ><\/a>\n<div class=\"pt-cv-taxoterm above_title\"><a href='https:\/\/www.dmsjuridica.com\/buscador_20179478954\/corteconstitucionalcronologico202454587\/category\/buscar-en-toda-la-corte\/2004\/tutelas-2004\/' title='Tutelas 2004' class='pt-cv-tax-tutelas-2004'>Tutelas 2004<\/a><\/div>\n<h4 class=\"pt-cv-title\"><a href=\"https:\/\/www.dmsjuridica.com\/buscador_20179478954\/corteconstitucionalcronologico202454587\/t-846-04\/\" class=\"_self\" target=\"_self\" >T-846-04<\/a><\/h4>\n<div class=\"pt-cv-content\">\u00a0 \u00a0 Sentencia T-846\/04 \u00a0 DERECHO AL HABEAS DATA-N\u00facleo esencial \u00a0 La jurisprudencia de esta Corporaci\u00f3n ha desarrollado ampliamente el derecho al habeas data, cuyo n\u00facleo esencial se encuentra integrado por el derecho a la autodeterminaci\u00f3n inform\u00e1tica y, por la libertad, en especial la libertad econ\u00f3mica, pues, como lo ha establecido la Corte, ella podr\u00eda verse vulnerada \u201c[a]l restringirse indebidamente en virtud de la circulaci\u00f3n de datos que no sean veraces, o que no haya sido autorizada por la persona concernida o por la ley\u201d. \u00a0 DERECHO AL HABEAS DATA Y DERECHO A LA INFORMACION \u00a0 En la protecci\u00f3n constitucional ...<br \/><div class=\"pt-cv-rmwrap\"><a href=\"https:\/\/www.dmsjuridica.com\/buscador_20179478954\/corteconstitucionalcronologico202454587\/t-846-04\/\" class=\"_self pt-cv-readmore btn btn-success\" target=\"_self\">Ver Sentencia Completa...<\/a><\/div><\/div><\/div><\/div>\n<div class=\"col-md-12 col-sm-12 col-xs-12 pt-cv-content-item pt-cv-1-col\" ><div class='pt-cv-ifield'><a href=\"https:\/\/www.dmsjuridica.com\/buscador_20179478954\/corteconstitucionalcronologico202454587\/t-845-04\/\" class=\"_self pt-cv-href-thumbnail pt-cv-thumb-default\" target=\"_self\" ><\/a>\n<div class=\"pt-cv-taxoterm above_title\"><a href='https:\/\/www.dmsjuridica.com\/buscador_20179478954\/corteconstitucionalcronologico202454587\/category\/buscar-en-toda-la-corte\/2004\/tutelas-2004\/' title='Tutelas 2004' class='pt-cv-tax-tutelas-2004'>Tutelas 2004<\/a><\/div>\n<h4 class=\"pt-cv-title\"><a href=\"https:\/\/www.dmsjuridica.com\/buscador_20179478954\/corteconstitucionalcronologico202454587\/t-845-04\/\" class=\"_self\" target=\"_self\" >T-845-04<\/a><\/h4>\n<div class=\"pt-cv-content\">\u00a0 \u00a0 Sentencia T-845\/04 \u00a0 LICENCIA DE MATERNIDAD-Procedencia excepcional de tutela para el pago \u00a0 LICENCIA DE MATERNIDAD-Pago por allanamiento a la mora por EPS \u00a0 ENTIDAD PROMOTORA DE SALUD-No puede negar el pago de la licencia de maternidad excus\u00e1ndose en que los pagos fueron extempor\u00e1neos \u00a0 Referencia: expediente T-915228 \u00a0 Acci\u00f3n de tutela instaurada por Delvis Maria Cantillo Novoa contra Salud Total EPS seccional Barranquilla. \u00a0 Procedencia: Juzgado Primero Penal del Circuito de Barranquilla. \u00a0 Magistrado Ponente:\u00a0 \u00a0 Dr. ALFREDO BELTR\u00c1N SIERRA. \u00a0 Bogot\u00e1 D.C., dos (2) de septiembre de dos mil cuatro (2004). \u00a0 La Sala Segunda (2a.) ...<br \/><div class=\"pt-cv-rmwrap\"><a href=\"https:\/\/www.dmsjuridica.com\/buscador_20179478954\/corteconstitucionalcronologico202454587\/t-845-04\/\" class=\"_self pt-cv-readmore btn btn-success\" target=\"_self\">Ver Sentencia Completa...<\/a><\/div><\/div><\/div><\/div>\n<div class=\"col-md-12 col-sm-12 col-xs-12 pt-cv-content-item pt-cv-1-col\" ><div class='pt-cv-ifield'><a href=\"https:\/\/www.dmsjuridica.com\/buscador_20179478954\/corteconstitucionalcronologico202454587\/t-844-04\/\" class=\"_self pt-cv-href-thumbnail pt-cv-thumb-default\" target=\"_self\" ><\/a>\n<div class=\"pt-cv-taxoterm above_title\"><a href='https:\/\/www.dmsjuridica.com\/buscador_20179478954\/corteconstitucionalcronologico202454587\/category\/buscar-en-toda-la-corte\/2004\/tutelas-2004\/' title='Tutelas 2004' class='pt-cv-tax-tutelas-2004'>Tutelas 2004<\/a><\/div>\n<h4 class=\"pt-cv-title\"><a href=\"https:\/\/www.dmsjuridica.com\/buscador_20179478954\/corteconstitucionalcronologico202454587\/t-844-04\/\" class=\"_self\" target=\"_self\" >T-844-04<\/a><\/h4>\n<div class=\"pt-cv-content\">\u00a0 \u00a0 Sentencia T-844\/04 \u00a0 INCAPACIDAD LABORAL-Pago extempor\u00e1neo de aportes\/ALLANAMIENTO A LA MORA POR EL INSTITUTO DE SEGURO SOCIAL \u00a0 Reiteraci\u00f3n de Jurisprudencia \u00a0 Referencia : expediente T-930029 \u00a0 Acci\u00f3n de tutela de Humberto Rafael Polo Montenegro contra el Seguro Social Seccional Magdalena \u00a0 Magistrado Ponente:\u00a0 \u00a0 Dr. JAIME C\u00d3RDOBA TRIVI\u00d1O \u00a0 Bogot\u00e1, D. C., dos (2) de septiembre de dos mil cuatro (2004)\u00a0 \u00a0 La Sala Cuarta de Revisi\u00f3n de la Corte Constitucional, en ejercicio de sus competencias constitucionales y legales, ha proferido la siguiente \u00a0 SENTENCIA \u00a0 dentro del tr\u00e1mite de revisi\u00f3n de la tutela instaurada por Humberto ...<br \/><div class=\"pt-cv-rmwrap\"><a href=\"https:\/\/www.dmsjuridica.com\/buscador_20179478954\/corteconstitucionalcronologico202454587\/t-844-04\/\" class=\"_self pt-cv-readmore btn btn-success\" target=\"_self\">Ver Sentencia Completa...<\/a><\/div><\/div><\/div><\/div>\n<div class=\"col-md-12 col-sm-12 col-xs-12 pt-cv-content-item pt-cv-1-col\" ><div class='pt-cv-ifield'><a href=\"https:\/\/www.dmsjuridica.com\/buscador_20179478954\/corteconstitucionalcronologico202454587\/t-843-04\/\" class=\"_self pt-cv-href-thumbnail pt-cv-thumb-default\" target=\"_self\" ><\/a>\n<div class=\"pt-cv-taxoterm above_title\"><a href='https:\/\/www.dmsjuridica.com\/buscador_20179478954\/corteconstitucionalcronologico202454587\/category\/buscar-en-toda-la-corte\/2004\/tutelas-2004\/' title='Tutelas 2004' class='pt-cv-tax-tutelas-2004'>Tutelas 2004<\/a><\/div>\n<h4 class=\"pt-cv-title\"><a href=\"https:\/\/www.dmsjuridica.com\/buscador_20179478954\/corteconstitucionalcronologico202454587\/t-843-04\/\" class=\"_self\" target=\"_self\" >T-843-04<\/a><\/h4>\n<div class=\"pt-cv-content\">\u00a0 \u00a0 Sentencia T-843\/04 \u00a0 DERECHO A LA SALUD DEL ENFERMO DE SIDA-Tratamiento odontol\u00f3gico por EPS \u00a0 Referencia : expediente T-0920939 \u00a0 Acci\u00f3n de tutela interpuesta por Alvaro Cruz Corredor contra Compensar E.P.S. \u00a0 Magistrado Ponente: \u00a0 Dr. JAIME C\u00d3RDOBA TRIVI\u00d1O \u00a0 Bogot\u00e1, D.C., dos (2) de septiembre de dos mil cuatro (2004). \u00a0 La Sala Cuarta de Revisi\u00f3n de la Corte Constitucional, en ejercicio de sus competencias constitucionales y legales, espec\u00edficamente las previstas en los art\u00edculos 86 y 241, numeral 9, de la Constituci\u00f3n Pol\u00edtica y en el Decreto 2591 de 1991, ha proferido la siguiente \u00a0 SENTENCIA \u00a0 ...<br \/><div class=\"pt-cv-rmwrap\"><a href=\"https:\/\/www.dmsjuridica.com\/buscador_20179478954\/corteconstitucionalcronologico202454587\/t-843-04\/\" class=\"_self pt-cv-readmore btn btn-success\" target=\"_self\">Ver Sentencia Completa...<\/a><\/div><\/div><\/div><\/div>\n<div class=\"col-md-12 col-sm-12 col-xs-12 pt-cv-content-item pt-cv-1-col\" ><div class='pt-cv-ifield'><a href=\"https:\/\/www.dmsjuridica.com\/buscador_20179478954\/corteconstitucionalcronologico202454587\/t-842-04\/\" class=\"_self pt-cv-href-thumbnail pt-cv-thumb-default\" target=\"_self\" ><\/a>\n<div class=\"pt-cv-taxoterm above_title\"><a href='https:\/\/www.dmsjuridica.com\/buscador_20179478954\/corteconstitucionalcronologico202454587\/category\/buscar-en-toda-la-corte\/2004\/tutelas-2004\/' title='Tutelas 2004' class='pt-cv-tax-tutelas-2004'>Tutelas 2004<\/a><\/div>\n<h4 class=\"pt-cv-title\"><a href=\"https:\/\/www.dmsjuridica.com\/buscador_20179478954\/corteconstitucionalcronologico202454587\/t-842-04\/\" class=\"_self\" target=\"_self\" >T-842-04<\/a><\/h4>\n<div class=\"pt-cv-content\">\u00a0 \u00a0 Sentencia T-842\/04 \u00a0 ACCION DE TUTELA CONTRA PROVIDENCIAS DEL CONSEJO DE ESTADO Y DEL TRIBUNAL ADMINISTRATIVO-Demandante no fue convocado a proceso contencioso administrativo en que se conden\u00f3 a la Naci\u00f3n \u00a0 Quien considera que ha debido ser convocado a un asunto que debati\u00f3 la Jurisdicci\u00f3n de lo Contencioso Administrativo y no lo fue, no le queda sino reclamar la protecci\u00f3n de sus garant\u00edas constitucionales por v\u00eda de tutela, dado que el art\u00edculo 118 del C\u00f3digo que regula la materia no prev\u00e9 entre las causales que permiten revisar las sentencias ejecutoriadas, dictadas por las secciones y subsecciones de la ...<br \/><div class=\"pt-cv-rmwrap\"><a href=\"https:\/\/www.dmsjuridica.com\/buscador_20179478954\/corteconstitucionalcronologico202454587\/t-842-04\/\" class=\"_self pt-cv-readmore btn btn-success\" target=\"_self\">Ver Sentencia Completa...<\/a><\/div><\/div><\/div><\/div>\n<div class=\"col-md-12 col-sm-12 col-xs-12 pt-cv-content-item pt-cv-1-col\" ><div class='pt-cv-ifield'><a href=\"https:\/\/www.dmsjuridica.com\/buscador_20179478954\/corteconstitucionalcronologico202454587\/t-841-04\/\" class=\"_self pt-cv-href-thumbnail pt-cv-thumb-default\" target=\"_self\" ><\/a>\n<div class=\"pt-cv-taxoterm above_title\"><a href='https:\/\/www.dmsjuridica.com\/buscador_20179478954\/corteconstitucionalcronologico202454587\/category\/buscar-en-toda-la-corte\/2004\/tutelas-2004\/' title='Tutelas 2004' class='pt-cv-tax-tutelas-2004'>Tutelas 2004<\/a><\/div>\n<h4 class=\"pt-cv-title\"><a href=\"https:\/\/www.dmsjuridica.com\/buscador_20179478954\/corteconstitucionalcronologico202454587\/t-841-04\/\" class=\"_self\" target=\"_self\" >T-841-04<\/a><\/h4>\n<div class=\"pt-cv-content\">\u00a0 \u00a0 Sentencia T-841\/04 \u00a0 PRESUNCION DE VERACIDAD DE INCAPACIDAD ECONOMICA-Beneficiarios del Sisben \u00a0 En aplicaci\u00f3n de la presunci\u00f3n de veracidad, la Sala tendr\u00e1 como cierta la incapacidad econ\u00f3mica alegada por la accionante en el escrito de demanda, m\u00e1xime cuando por el hecho mismo de la vinculaci\u00f3n al R\u00e9gimen Subsidiado de Salud, la jurisprudencia constitucional supone la falta de capacidad econ\u00f3mica de los beneficiarios del SISBEN en los niveles 1 y 2. \u00a0 DERECHO A LA SALUD-Inaplicaci\u00f3n de norma sobre cobro de cuota de recuperaci\u00f3n\/DERECHO A LA SALUD-Pr\u00e1ctica de cirug\u00eda urgente\u00a0 \u00a0 La necesidad de la atenci\u00f3n en salud de ...<br \/><div class=\"pt-cv-rmwrap\"><a href=\"https:\/\/www.dmsjuridica.com\/buscador_20179478954\/corteconstitucionalcronologico202454587\/t-841-04\/\" class=\"_self pt-cv-readmore btn btn-success\" target=\"_self\">Ver Sentencia Completa...<\/a><\/div><\/div><\/div><\/div>\n<div class=\"col-md-12 col-sm-12 col-xs-12 pt-cv-content-item pt-cv-1-col\" ><div class='pt-cv-ifield'><a href=\"https:\/\/www.dmsjuridica.com\/buscador_20179478954\/corteconstitucionalcronologico202454587\/t-840-04\/\" class=\"_self pt-cv-href-thumbnail pt-cv-thumb-default\" target=\"_self\" ><\/a>\n<div class=\"pt-cv-taxoterm above_title\"><a href='https:\/\/www.dmsjuridica.com\/buscador_20179478954\/corteconstitucionalcronologico202454587\/category\/buscar-en-toda-la-corte\/2004\/tutelas-2004\/' title='Tutelas 2004' class='pt-cv-tax-tutelas-2004'>Tutelas 2004<\/a><\/div>\n<h4 class=\"pt-cv-title\"><a href=\"https:\/\/www.dmsjuridica.com\/buscador_20179478954\/corteconstitucionalcronologico202454587\/t-840-04\/\" class=\"_self\" target=\"_self\" >T-840-04<\/a><\/h4>\n<div class=\"pt-cv-content\">\u00a0 \u00a0 Sentencia T-840\/04 \u00a0 ACCION DE TUTELA CONTRA EL SISBEN-Debe entenderse dirigida contra la administraci\u00f3n municipal o distrital \u00a0 La Sala aclara que el SISBEN no es un ente jur\u00eddico ni una entidad prestadora de servicios de salud del r\u00e9gimen subsidiado, por lo mismo no cuenta con capacidad jur\u00eddica para adquirir o generar obligaciones en su nombre. No obstante, advierte que instaurada una acci\u00f3n de tutela en contra del SISBEN, el juez de tutela deber\u00e1 entenderla dirigida en contra de la administraci\u00f3n municipal o distrital, como responsable del proceso de focalizaci\u00f3n del gasto social. \u00a0 JUEZ DE TUTELA-Debe ser ...<br \/><div class=\"pt-cv-rmwrap\"><a href=\"https:\/\/www.dmsjuridica.com\/buscador_20179478954\/corteconstitucionalcronologico202454587\/t-840-04\/\" class=\"_self pt-cv-readmore btn btn-success\" target=\"_self\">Ver Sentencia Completa...<\/a><\/div><\/div><\/div><\/div>\n<div class=\"col-md-12 col-sm-12 col-xs-12 pt-cv-content-item pt-cv-1-col\" ><div class='pt-cv-ifield'><a href=\"https:\/\/www.dmsjuridica.com\/buscador_20179478954\/corteconstitucionalcronologico202454587\/t-839-04\/\" class=\"_self pt-cv-href-thumbnail pt-cv-thumb-default\" target=\"_self\" ><\/a>\n<div class=\"pt-cv-taxoterm above_title\"><a href='https:\/\/www.dmsjuridica.com\/buscador_20179478954\/corteconstitucionalcronologico202454587\/category\/buscar-en-toda-la-corte\/2004\/tutelas-2004\/' title='Tutelas 2004' class='pt-cv-tax-tutelas-2004'>Tutelas 2004<\/a><\/div>\n<h4 class=\"pt-cv-title\"><a href=\"https:\/\/www.dmsjuridica.com\/buscador_20179478954\/corteconstitucionalcronologico202454587\/t-839-04\/\" class=\"_self\" target=\"_self\" >T-839-04<\/a><\/h4>\n<div class=\"pt-cv-content\">\u00a0 \u00a0 Sentencia T-839\/04 \u00a0 DERECHO A LA SALUD-Pr\u00e1ctica de cirug\u00eda de cataratas \u00a0 Referencia: expediente T-890859 \u00a0 Acci\u00f3n de tutela instaurada por Belarmina Guti\u00e9rrez Osorio contra la Caja Nacional de Previsi\u00f3n Social -EPS seccional Caquet\u00e1 y otro. \u00a0 Magistrado Ponente: \u00a0 Dr. ALVARO TAFUR GALVIS \u00a0 Bogot\u00e1, D.C., primero (1\u00ba) de septiembre de dos mil cuatro (2004). \u00a0 La Sala Octava de Revisi\u00f3n de la Corte Constitucional, integrada por los magistrados Clara In\u00e9s Vargas Hern\u00e1ndez, Jaime Araujo Renter\u00eda y \u00c1lvaro Tafur Galvis, en ejercicio de sus competencias constitucionales y legales, ha proferido la siguiente \u00a0 SENTENCIA \u00a0 En el ...<br \/><div class=\"pt-cv-rmwrap\"><a href=\"https:\/\/www.dmsjuridica.com\/buscador_20179478954\/corteconstitucionalcronologico202454587\/t-839-04\/\" class=\"_self pt-cv-readmore btn btn-success\" target=\"_self\">Ver Sentencia Completa...<\/a><\/div><\/div><\/div><\/div>\n<div class=\"col-md-12 col-sm-12 col-xs-12 pt-cv-content-item pt-cv-1-col\" ><div class='pt-cv-ifield'><a href=\"https:\/\/www.dmsjuridica.com\/buscador_20179478954\/corteconstitucionalcronologico202454587\/t-838-04\/\" class=\"_self pt-cv-href-thumbnail pt-cv-thumb-default\" target=\"_self\" ><\/a>\n<div class=\"pt-cv-taxoterm above_title\"><a href='https:\/\/www.dmsjuridica.com\/buscador_20179478954\/corteconstitucionalcronologico202454587\/category\/buscar-en-toda-la-corte\/2004\/tutelas-2004\/' title='Tutelas 2004' class='pt-cv-tax-tutelas-2004'>Tutelas 2004<\/a><\/div>\n<h4 class=\"pt-cv-title\"><a href=\"https:\/\/www.dmsjuridica.com\/buscador_20179478954\/corteconstitucionalcronologico202454587\/t-838-04\/\" class=\"_self\" target=\"_self\" >T-838-04<\/a><\/h4>\n<div class=\"pt-cv-content\">\u00a0 \u00a0 Sentencia T-838\/04 \u00a0 PROCESO DE RESTITUCION DE BIEN INMUEBLE ARRENDADO-Procedencia de tutela para restablecimiento de derechos constitucionales de menor de edad \u00a0 La acci\u00f3n que se revisa es procedente, porque los recursos establecidos en el ordenamiento para restablecer los derechos fundamentales de los demandados, dentro de los procesos de restituci\u00f3n de inmueble arrendado, no resultaron eficaces en el asunto en estudio, toda vez que la actora no est\u00e1 en capacidad de consignar las sumas que el demandante relacion\u00f3 a su cargo.\u00a0 \u00a0 OBLIGACION ALIMENTARIA-Procedimientos legales que permiten hacerla efectiva\/OBLIGACION ALIMENTARIA-Caso en que se cumple permitiendo a la menor ...<br \/><div class=\"pt-cv-rmwrap\"><a href=\"https:\/\/www.dmsjuridica.com\/buscador_20179478954\/corteconstitucionalcronologico202454587\/t-838-04\/\" class=\"_self pt-cv-readmore btn btn-success\" target=\"_self\">Ver Sentencia Completa...<\/a><\/div><\/div><\/div><\/div>\n<div class=\"col-md-12 col-sm-12 col-xs-12 pt-cv-content-item pt-cv-1-col\" ><div class='pt-cv-ifield'><a href=\"https:\/\/www.dmsjuridica.com\/buscador_20179478954\/corteconstitucionalcronologico202454587\/t-837-04\/\" class=\"_self pt-cv-href-thumbnail pt-cv-thumb-default\" target=\"_self\" ><\/a>\n<div class=\"pt-cv-taxoterm above_title\"><a href='https:\/\/www.dmsjuridica.com\/buscador_20179478954\/corteconstitucionalcronologico202454587\/category\/buscar-en-toda-la-corte\/2004\/tutelas-2004\/' title='Tutelas 2004' class='pt-cv-tax-tutelas-2004'>Tutelas 2004<\/a><\/div>\n<h4 class=\"pt-cv-title\"><a href=\"https:\/\/www.dmsjuridica.com\/buscador_20179478954\/corteconstitucionalcronologico202454587\/t-837-04\/\" class=\"_self\" target=\"_self\" >T-837-04<\/a><\/h4>\n<div class=\"pt-cv-content\">\u00a0 \u00a0 Sentencia T-837\/04 \u00a0 DERECHO A LA SALUD-Pr\u00e1ctica de cirug\u00eda\u00a0 \u00a0 PLAN OBLIGATORIO DE SALUD-Tiempo de cubrimiento de los servicios una vez finalizada la relaci\u00f3n laboral y estando el tratamiento m\u00e9dico en curso \u00a0 La Sala no ignora que conforme al art\u00edculo 75 del Decreto 806 de 1998 la cobertura del plan obligatorio de salud termina treinta (30) d\u00edas despu\u00e9s de que se produce la desafiliaci\u00f3n, siempre y cuando se haya estado afiliado al sistema como m\u00ednimo los doce meses anteriores a la fecha en que se reporta el retiro. No obstante, sin entrar a verificar si en cabeza ...<br \/><div class=\"pt-cv-rmwrap\"><a href=\"https:\/\/www.dmsjuridica.com\/buscador_20179478954\/corteconstitucionalcronologico202454587\/t-837-04\/\" class=\"_self pt-cv-readmore btn btn-success\" target=\"_self\">Ver Sentencia Completa...<\/a><\/div><\/div><\/div><\/div>\n<div class=\"col-md-12 col-sm-12 col-xs-12 pt-cv-content-item pt-cv-1-col\" ><div class='pt-cv-ifield'><a href=\"https:\/\/www.dmsjuridica.com\/buscador_20179478954\/corteconstitucionalcronologico202454587\/t-836-04\/\" class=\"_self pt-cv-href-thumbnail pt-cv-thumb-default\" target=\"_self\" ><\/a>\n<div class=\"pt-cv-taxoterm above_title\"><a href='https:\/\/www.dmsjuridica.com\/buscador_20179478954\/corteconstitucionalcronologico202454587\/category\/buscar-en-toda-la-corte\/2004\/tutelas-2004\/' title='Tutelas 2004' class='pt-cv-tax-tutelas-2004'>Tutelas 2004<\/a><\/div>\n<h4 class=\"pt-cv-title\"><a href=\"https:\/\/www.dmsjuridica.com\/buscador_20179478954\/corteconstitucionalcronologico202454587\/t-836-04\/\" class=\"_self\" target=\"_self\" >T-836-04<\/a><\/h4>\n<div class=\"pt-cv-content\">\u00a0 \u00a0 Sentencia T-836\/04 \u00a0 VIA DE HECHO Y SENTENCIA DE CONSTITUCIONALIDAD DE LA CORTE CONSTITUCIONAL-Desconocimiento \u00a0 Dado que la parte resolutiva de las sentencias de la Corte, incluso la de las sentencias condicionadas, es obligatoria para todas las autoridades, incurre en arbitrariedad por desconocimiento de una disposici\u00f3n vinculante el funcionario judicial que toma una decisi\u00f3n por fuera de esa preceptiva. Ello por cuanto que, \u201c[d]esconocer tal mandato vulnera abiertamente la propia Constituci\u00f3n (art. 243) y desatiende el clar\u00edsimo e imperativo mandato del legislador estatutario, con las consiguientes responsabilidades para el funcionario o corporaci\u00f3n que obre en tal sentido\u201d. \u00a0 ...<br \/><div class=\"pt-cv-rmwrap\"><a href=\"https:\/\/www.dmsjuridica.com\/buscador_20179478954\/corteconstitucionalcronologico202454587\/t-836-04\/\" class=\"_self pt-cv-readmore btn btn-success\" target=\"_self\">Ver Sentencia Completa...<\/a><\/div><\/div><\/div><\/div>\n<div class=\"col-md-12 col-sm-12 col-xs-12 pt-cv-content-item pt-cv-1-col\" ><div class='pt-cv-ifield'><a href=\"https:\/\/www.dmsjuridica.com\/buscador_20179478954\/corteconstitucionalcronologico202454587\/t-835-04\/\" class=\"_self pt-cv-href-thumbnail pt-cv-thumb-default\" target=\"_self\" ><\/a>\n<div class=\"pt-cv-taxoterm above_title\"><a href='https:\/\/www.dmsjuridica.com\/buscador_20179478954\/corteconstitucionalcronologico202454587\/category\/buscar-en-toda-la-corte\/2004\/tutelas-2004\/' title='Tutelas 2004' class='pt-cv-tax-tutelas-2004'>Tutelas 2004<\/a><\/div>\n<h4 class=\"pt-cv-title\"><a href=\"https:\/\/www.dmsjuridica.com\/buscador_20179478954\/corteconstitucionalcronologico202454587\/t-835-04\/\" class=\"_self\" target=\"_self\" >T-835-04<\/a><\/h4>\n<div class=\"pt-cv-content\">\u00a0 \u00a0 Sentencia T-835\/04 \u00a0 DERECHO A LA SALUD-Pr\u00e1ctica de cirug\u00eda de rodilla que est\u00e1 por fuera del POS-S \u00a0 Referencia: expediente T-923734 \u00a0 \u00a0 Accionante: Rub\u00e9n Dar\u00edo Rodr\u00edguez Viloria\u00a0 \u00a0 Procedencia: Juzgado Quinto Civil Municipal de Barranquilla \u00a0 Magistrado Ponente:\u00a0 \u00a0 Dr. MARCO GERARDO MONROY CABRA \u00a0 Bogot\u00e1 D.C., primero (1) de septiembre de dos mil cuatro (2004) \u00a0 La Sala Sexta de la \u00a0Corte Constitucional, integrada por los Magistrados doctores, \u00c1lvaro Tafur Galvis, Rodrigo Uprimny Yepes y Marco Gerardo Monroy Cabra, quien la preside, en ejercicio de sus competencias constitucionales y legales han pronunciado la siguiente\u00a0 \u00a0 SENTENCIA ...<br \/><div class=\"pt-cv-rmwrap\"><a href=\"https:\/\/www.dmsjuridica.com\/buscador_20179478954\/corteconstitucionalcronologico202454587\/t-835-04\/\" class=\"_self pt-cv-readmore btn btn-success\" target=\"_self\">Ver Sentencia Completa...<\/a><\/div><\/div><\/div><\/div>\n<div class=\"col-md-12 col-sm-12 col-xs-12 pt-cv-content-item pt-cv-1-col\" ><div class='pt-cv-ifield'><a href=\"https:\/\/www.dmsjuridica.com\/buscador_20179478954\/corteconstitucionalcronologico202454587\/t-834-04\/\" class=\"_self pt-cv-href-thumbnail pt-cv-thumb-default\" target=\"_self\" ><\/a>\n<div class=\"pt-cv-taxoterm above_title\"><a href='https:\/\/www.dmsjuridica.com\/buscador_20179478954\/corteconstitucionalcronologico202454587\/category\/buscar-en-toda-la-corte\/2004\/tutelas-2004\/' title='Tutelas 2004' class='pt-cv-tax-tutelas-2004'>Tutelas 2004<\/a><\/div>\n<h4 class=\"pt-cv-title\"><a href=\"https:\/\/www.dmsjuridica.com\/buscador_20179478954\/corteconstitucionalcronologico202454587\/t-834-04\/\" class=\"_self\" target=\"_self\" >T-834-04<\/a><\/h4>\n<div class=\"pt-cv-content\">\u00a0 \u00a0 Sentencia T-834\/04 \u00a0 PROCESO ORDINARIO-Las partes deben ejercer su derecho de contradicci\u00f3n\/ACCION DE TUTELA-Improcedencia para subsanar inactividad procesal de las partes \u00a0 ACCION DE TUTELA-Improcedencia por no utilizarse el recurso de apelaci\u00f3n en su momento\/PROCESO DE SUCESION-Aprobaci\u00f3n de partici\u00f3n debi\u00f3 discutirse dentro de \u00e9ste \u00a0 El Juez Civil del Circuito de L\u00edbano profiri\u00f3 sentencia aprobatoria de la partici\u00f3n declarando como no probadas las objeciones, sentencia que no fue apelada por la peticionaria. Estima la Sala que la controversia debatida, por la cual la tutelante acudi\u00f3 a solicitar el amparo del derecho al debido proceso, concierne a una actuaci\u00f3n ...<br \/><div class=\"pt-cv-rmwrap\"><a href=\"https:\/\/www.dmsjuridica.com\/buscador_20179478954\/corteconstitucionalcronologico202454587\/t-834-04\/\" class=\"_self pt-cv-readmore btn btn-success\" target=\"_self\">Ver Sentencia Completa...<\/a><\/div><\/div><\/div><\/div>\n<div class=\"col-md-12 col-sm-12 col-xs-12 pt-cv-content-item pt-cv-1-col\" ><div class='pt-cv-ifield'><a href=\"https:\/\/www.dmsjuridica.com\/buscador_20179478954\/corteconstitucionalcronologico202454587\/t-833-04\/\" class=\"_self pt-cv-href-thumbnail pt-cv-thumb-default\" target=\"_self\" ><\/a>\n<div class=\"pt-cv-taxoterm above_title\"><a href='https:\/\/www.dmsjuridica.com\/buscador_20179478954\/corteconstitucionalcronologico202454587\/category\/buscar-en-toda-la-corte\/2004\/tutelas-2004\/' title='Tutelas 2004' class='pt-cv-tax-tutelas-2004'>Tutelas 2004<\/a><\/div>\n<h4 class=\"pt-cv-title\"><a href=\"https:\/\/www.dmsjuridica.com\/buscador_20179478954\/corteconstitucionalcronologico202454587\/t-833-04\/\" class=\"_self\" target=\"_self\" >T-833-04<\/a><\/h4>\n<div class=\"pt-cv-content\">\u00a0 \u00a0 Sentencia T-833\/04 \u00a0 ACCION DE TUTELA-Carencia actual de objeto por suministro de medicamentos y realizaci\u00f3n de ex\u00e1menes m\u00e9dicos \u00a0 Referencia: expediente T-923342. \u00a0 Acci\u00f3n de tutela instaurada por Cristian Fernando Molina Varela contra la administradora de r\u00e9gimen subsidiado Humana Vivir S.A. EPS. \u00a0 Magistrado Ponente: \u00a0 Dr. JAIME ARA\u00daJO RENTER\u00cdA \u00a0 Bogot\u00e1 D.C., primero ( 1\u00b0 ) de septiembre de dos mil cuatro (2004) \u00a0 La Sala Primera de Revisi\u00f3n de la Corte Constitucional, integrada por los Magistrados JAIME ARA\u00daJO RENTER\u00cdA, ALFREDO BELTR\u00c1N SIERRA y MANUEL JOS\u00c9 CEPEDA ESPINOSA, en ejercicio de sus competencias constitucionales y legales, ha ...<br \/><div class=\"pt-cv-rmwrap\"><a href=\"https:\/\/www.dmsjuridica.com\/buscador_20179478954\/corteconstitucionalcronologico202454587\/t-833-04\/\" class=\"_self pt-cv-readmore btn btn-success\" target=\"_self\">Ver Sentencia Completa...<\/a><\/div><\/div><\/div><\/div>\n<div class=\"col-md-12 col-sm-12 col-xs-12 pt-cv-content-item pt-cv-1-col\" ><div class='pt-cv-ifield'><a href=\"https:\/\/www.dmsjuridica.com\/buscador_20179478954\/corteconstitucionalcronologico202454587\/t-832-04\/\" class=\"_self pt-cv-href-thumbnail pt-cv-thumb-default\" target=\"_self\" ><\/a>\n<div class=\"pt-cv-taxoterm above_title\"><a href='https:\/\/www.dmsjuridica.com\/buscador_20179478954\/corteconstitucionalcronologico202454587\/category\/buscar-en-toda-la-corte\/2004\/tutelas-2004\/' title='Tutelas 2004' class='pt-cv-tax-tutelas-2004'>Tutelas 2004<\/a><\/div>\n<h4 class=\"pt-cv-title\"><a href=\"https:\/\/www.dmsjuridica.com\/buscador_20179478954\/corteconstitucionalcronologico202454587\/t-832-04\/\" class=\"_self\" target=\"_self\" >T-832-04<\/a><\/h4>\n<div class=\"pt-cv-content\">\u00a0 \u00a0 Sentencia T-832\/04 \u00a0 ACCION DE TUTELA-Procedencia excepcional pago de acreencias laborales \u00a0 EMPLEADOR-Situaci\u00f3n econ\u00f3mica o presupuestal no es \u00f3bice para desconocer obligaciones laborales \u00a0 DERECHO AL MINIMO VITAL DEL PENSIONADO-Pago de mesadas atrasadas \u00a0 Referencia: expediente T-903062 \u00a0 Acci\u00f3n de tutela instaurada por Aurora Navarro de Dachiardi contra Industria Licorera del Bol\u00edvar en Liquidaci\u00f3n. \u00a0 \u00a0 \u00a0 Magistrado Ponente: \u00a0 Dr. JAIME ARAUJO RENTER\u00cdA \u00a0 Bogot\u00e1, D. C., primero \u00a0(1\u00b0) de septiembre de dos mil cuatro (2004). \u00a0 La Sala Primera de Revisi\u00f3n de la Corte Constitucional, integrada por los Magistrados ALFREDO BELTRAN SIERRA, MANUEL JOSE CEPEDA ESPINOSA ...<br \/><div class=\"pt-cv-rmwrap\"><a href=\"https:\/\/www.dmsjuridica.com\/buscador_20179478954\/corteconstitucionalcronologico202454587\/t-832-04\/\" class=\"_self pt-cv-readmore btn btn-success\" target=\"_self\">Ver Sentencia Completa...<\/a><\/div><\/div><\/div><\/div>\n<div class=\"col-md-12 col-sm-12 col-xs-12 pt-cv-content-item pt-cv-1-col\" ><div class='pt-cv-ifield'><a href=\"https:\/\/www.dmsjuridica.com\/buscador_20179478954\/corteconstitucionalcronologico202454587\/t-831-04\/\" class=\"_self pt-cv-href-thumbnail pt-cv-thumb-default\" target=\"_self\" ><\/a>\n<div class=\"pt-cv-taxoterm above_title\"><a href='https:\/\/www.dmsjuridica.com\/buscador_20179478954\/corteconstitucionalcronologico202454587\/category\/buscar-en-toda-la-corte\/2004\/tutelas-2004\/' title='Tutelas 2004' class='pt-cv-tax-tutelas-2004'>Tutelas 2004<\/a><\/div>\n<h4 class=\"pt-cv-title\"><a href=\"https:\/\/www.dmsjuridica.com\/buscador_20179478954\/corteconstitucionalcronologico202454587\/t-831-04\/\" class=\"_self\" target=\"_self\" >T-831-04<\/a><\/h4>\n<div class=\"pt-cv-content\">\u00a0 \u00a0 Sentencia T-831\/04 \u00a0 SUBSIDIO FAMILIAR DE VIVIENDA-Concepto \u00a0 El subsidio familiar de vivienda (SFV) es un aporte estatal que se entrega por una sola vez al beneficiario, el cual puede estar representado en especie o en dinero, y est\u00e1 dirigido a que personas con escasos recursos econ\u00f3micos puedan acceder a una vivienda o a mejorar la que ya tiene. No obstante lo anterior, para ser beneficiario del subsidio se requiere el cumplimiento de una serie de requisitos de \u00edndole administrativo, que buscan que todas las personas postulantes puedan acceder a \u00e9l en las mismas condiciones de igualdad. \u00a0 ...<br \/><div class=\"pt-cv-rmwrap\"><a href=\"https:\/\/www.dmsjuridica.com\/buscador_20179478954\/corteconstitucionalcronologico202454587\/t-831-04\/\" class=\"_self pt-cv-readmore btn btn-success\" target=\"_self\">Ver Sentencia Completa...<\/a><\/div><\/div><\/div><\/div>\n<div class=\"col-md-12 col-sm-12 col-xs-12 pt-cv-content-item pt-cv-1-col\" ><div class='pt-cv-ifield'><a href=\"https:\/\/www.dmsjuridica.com\/buscador_20179478954\/corteconstitucionalcronologico202454587\/t-830-04\/\" class=\"_self pt-cv-href-thumbnail pt-cv-thumb-default\" target=\"_self\" ><\/a>\n<div class=\"pt-cv-taxoterm above_title\"><a href='https:\/\/www.dmsjuridica.com\/buscador_20179478954\/corteconstitucionalcronologico202454587\/category\/buscar-en-toda-la-corte\/2004\/tutelas-2004\/' title='Tutelas 2004' class='pt-cv-tax-tutelas-2004'>Tutelas 2004<\/a><\/div>\n<h4 class=\"pt-cv-title\"><a href=\"https:\/\/www.dmsjuridica.com\/buscador_20179478954\/corteconstitucionalcronologico202454587\/t-830-04\/\" class=\"_self\" target=\"_self\" >T-830-04<\/a><\/h4>\n<div class=\"pt-cv-content\">\u00a0 \u00a0 Sentencia T-830\/04 \u00a0 De la jurisprudencia hasta aqu\u00ed rese\u00f1ada, es posible extraer algunas conclusiones: (i) la revocatoria directa del acto propio de la administraci\u00f3n est\u00e1, en principio, proscrita de nuestro ordenamiento jur\u00eddico, en atenci\u00f3n a los mandatos superiores de buena fe, lealtad y seguridad jur\u00eddica; (ii) la revocatoria directa, dadas ciertas circunstancias, atenta contra los derechos fundamentales del administrado y es controvertible, de manera excepcional, por v\u00eda de la acci\u00f3n de tutela; (iii) el ordenamiento jur\u00eddico colombiano contempla 2 excepciones a la regla prescrita en el numeral (i) es decir, hip\u00f3tesis en las cuales puede darse una revocatoria ...<br \/><div class=\"pt-cv-rmwrap\"><a href=\"https:\/\/www.dmsjuridica.com\/buscador_20179478954\/corteconstitucionalcronologico202454587\/t-830-04\/\" class=\"_self pt-cv-readmore btn btn-success\" target=\"_self\">Ver Sentencia Completa...<\/a><\/div><\/div><\/div><\/div>\n<div class=\"col-md-12 col-sm-12 col-xs-12 pt-cv-content-item pt-cv-1-col\" ><div class='pt-cv-ifield'><a href=\"https:\/\/www.dmsjuridica.com\/buscador_20179478954\/corteconstitucionalcronologico202454587\/t-829-04\/\" class=\"_self pt-cv-href-thumbnail pt-cv-thumb-default\" target=\"_self\" ><\/a>\n<div class=\"pt-cv-taxoterm above_title\"><a href='https:\/\/www.dmsjuridica.com\/buscador_20179478954\/corteconstitucionalcronologico202454587\/category\/buscar-en-toda-la-corte\/2004\/tutelas-2004\/' title='Tutelas 2004' class='pt-cv-tax-tutelas-2004'>Tutelas 2004<\/a><\/div>\n<h4 class=\"pt-cv-title\"><a href=\"https:\/\/www.dmsjuridica.com\/buscador_20179478954\/corteconstitucionalcronologico202454587\/t-829-04\/\" class=\"_self\" target=\"_self\" >T-829-04<\/a><\/h4>\n<div class=\"pt-cv-content\">\u00a0 \u00a0 Sentencia T-829\/04 \u00a0 SISTEMA DE SEGURIDAD SOCIAL EN SALUD-R\u00e9gimen subsidiado y r\u00e9gimen contributivo \u00a0 CAPACIDAD ECONOMICA DE PERSONA ENFERMA-Reglas probatorias empleadas por la Corte Constitucional\/PRESUNCION DE VERACIDAD DE INCAPACIDAD ECONOMICA-Beneficiarios del Sisb\u00e9n \u00a0 La doctrina constitucional ha establecido una serie de reglas probatorias en torno a la incapacidad econ\u00f3mica de quienes requieren servicios que se encuentran excluidos del Plan Obligatorio de Salud del R\u00e9gimen Contributivo. Estas reglas son aplicables al caso bajo estudio, a\u00fan m\u00e1s por tratarse de una persona clasificada en el segundo nivel del SISBEN, frente a quien existe una presunci\u00f3n de condiciones de precariedad socioecon\u00f3mica ...<br \/><div class=\"pt-cv-rmwrap\"><a href=\"https:\/\/www.dmsjuridica.com\/buscador_20179478954\/corteconstitucionalcronologico202454587\/t-829-04\/\" class=\"_self pt-cv-readmore btn btn-success\" target=\"_self\">Ver Sentencia Completa...<\/a><\/div><\/div><\/div><\/div>\n<div class=\"col-md-12 col-sm-12 col-xs-12 pt-cv-content-item pt-cv-1-col\" ><div class='pt-cv-ifield'><a href=\"https:\/\/www.dmsjuridica.com\/buscador_20179478954\/corteconstitucionalcronologico202454587\/t-828-04\/\" class=\"_self pt-cv-href-thumbnail pt-cv-thumb-default\" target=\"_self\" ><\/a>\n<div class=\"pt-cv-taxoterm above_title\"><a href='https:\/\/www.dmsjuridica.com\/buscador_20179478954\/corteconstitucionalcronologico202454587\/category\/buscar-en-toda-la-corte\/2004\/tutelas-2004\/' title='Tutelas 2004' class='pt-cv-tax-tutelas-2004'>Tutelas 2004<\/a><\/div>\n<h4 class=\"pt-cv-title\"><a href=\"https:\/\/www.dmsjuridica.com\/buscador_20179478954\/corteconstitucionalcronologico202454587\/t-828-04\/\" class=\"_self\" target=\"_self\" >T-828-04<\/a><\/h4>\n<div class=\"pt-cv-content\">\u00a0 \u00a0 Sentencia T-828\/04 \u00a0 DERECHO A LA SALUD DEL MENOR-Suministro de medicamento excluido del POS \u00a0 En el presente caso se cumplen todas las condiciones de procedibilidad para que a trav\u00e9s de la acci\u00f3n de tutela se ordene el suministro del medicamento Interfer\u00f3n Beta 1B, prestaci\u00f3n excluida del Plan Obligatorio de Salud. \u00a0 DERECHO AL HABEAS DATA EN BASES DE DATOS DE ENTIDADES DEL SISTEMA GENERAL DE SEGURIDAD SOCIAL EN SALUD-Negaci\u00f3n de asistencia sanitaria debido a inconsistencias en informaci\u00f3n sobre aportes de cotizantes \u00a0 La jurisprudencia constitucional ha denominado derecho al habeas data la garant\u00eda consagrada en el art\u00edculo ...<br \/><div class=\"pt-cv-rmwrap\"><a href=\"https:\/\/www.dmsjuridica.com\/buscador_20179478954\/corteconstitucionalcronologico202454587\/t-828-04\/\" class=\"_self pt-cv-readmore btn btn-success\" target=\"_self\">Ver Sentencia Completa...<\/a><\/div><\/div><\/div><\/div>\n<div class=\"col-md-12 col-sm-12 col-xs-12 pt-cv-content-item pt-cv-1-col\" ><div class='pt-cv-ifield'><a href=\"https:\/\/www.dmsjuridica.com\/buscador_20179478954\/corteconstitucionalcronologico202454587\/t-827-04\/\" class=\"_self pt-cv-href-thumbnail pt-cv-thumb-default\" target=\"_self\" ><\/a>\n<div class=\"pt-cv-taxoterm above_title\"><a href='https:\/\/www.dmsjuridica.com\/buscador_20179478954\/corteconstitucionalcronologico202454587\/category\/buscar-en-toda-la-corte\/2004\/tutelas-2004\/' title='Tutelas 2004' class='pt-cv-tax-tutelas-2004'>Tutelas 2004<\/a><\/div>\n<h4 class=\"pt-cv-title\"><a href=\"https:\/\/www.dmsjuridica.com\/buscador_20179478954\/corteconstitucionalcronologico202454587\/t-827-04\/\" class=\"_self\" target=\"_self\" >T-827-04<\/a><\/h4>\n<div class=\"pt-cv-content\">\u00a0 \u00a0 Sentencia T-827\/04 \u00a0 DERECHO A LA SEGURIDAD SOCIAL DE ADULTO MAYOR-Afectaci\u00f3n m\u00ednimo vital por descuento en las mesadas pensionales \u00a0 DERECHO AL MINIMO VITAL DEL PENSIONADO-Vulneraci\u00f3n por descuento en las mesadas pensionales \u00a0 DERECHO AL MINIMO VITAL-Requisitos que deben comprobarse para acreditar vulneraci\u00f3n \u00a0 La Corte ha establecido, de igual manera, que los requisitos que deben comprobarse para acreditar la vulneraci\u00f3n del m\u00ednimo vital, se resumen en que (i) el salario o mesada sea el ingreso exclusivo del trabajador o pensionado o existiendo ingresos adicionales sean insuficientes para la cobertura de sus necesidad b\u00e1sicas y que (ii) la ...<br \/><div class=\"pt-cv-rmwrap\"><a href=\"https:\/\/www.dmsjuridica.com\/buscador_20179478954\/corteconstitucionalcronologico202454587\/t-827-04\/\" class=\"_self pt-cv-readmore btn btn-success\" target=\"_self\">Ver Sentencia Completa...<\/a><\/div><\/div><\/div><\/div>\n<div class=\"col-md-12 col-sm-12 col-xs-12 pt-cv-content-item pt-cv-1-col\" ><div class='pt-cv-ifield'><a href=\"https:\/\/www.dmsjuridica.com\/buscador_20179478954\/corteconstitucionalcronologico202454587\/t-826-04\/\" class=\"_self pt-cv-href-thumbnail pt-cv-thumb-default\" target=\"_self\" ><\/a>\n<div class=\"pt-cv-taxoterm above_title\"><a href='https:\/\/www.dmsjuridica.com\/buscador_20179478954\/corteconstitucionalcronologico202454587\/category\/buscar-en-toda-la-corte\/2004\/tutelas-2004\/' title='Tutelas 2004' class='pt-cv-tax-tutelas-2004'>Tutelas 2004<\/a><\/div>\n<h4 class=\"pt-cv-title\"><a href=\"https:\/\/www.dmsjuridica.com\/buscador_20179478954\/corteconstitucionalcronologico202454587\/t-826-04\/\" class=\"_self\" target=\"_self\" >T-826-04<\/a><\/h4>\n<div class=\"pt-cv-content\">\u00a0 \u00a0 Sentencia T-826\/04 \u00a0 INTEGRACION DEL CONTRADICTORIO EN TUTELA-Deber del Juez de Tutela \u00a0 La acci\u00f3n de tutela puede ser presentada por cualquier persona para la protecci\u00f3n de sus derechos fundamentales, o de aquellas personas en nombre de quienes act\u00faa, en los casos de agencia oficiosa. Y por ello la acci\u00f3n de tutela se rige por los principios de celeridad, econom\u00eda, eficacia y prevalencia del derecho sustancial). Por ende, si en un determinado caso, los peticionarios plantean un problema constitucional relevante, en la medida en que pueden estar en juego derechos fundamentales, pero por impericia yerran en la determinaci\u00f3n ...<br \/><div class=\"pt-cv-rmwrap\"><a href=\"https:\/\/www.dmsjuridica.com\/buscador_20179478954\/corteconstitucionalcronologico202454587\/t-826-04\/\" class=\"_self pt-cv-readmore btn btn-success\" target=\"_self\">Ver Sentencia Completa...<\/a><\/div><\/div><\/div><\/div>\n<div class=\"col-md-12 col-sm-12 col-xs-12 pt-cv-content-item pt-cv-1-col\" ><div class='pt-cv-ifield'><a href=\"https:\/\/www.dmsjuridica.com\/buscador_20179478954\/corteconstitucionalcronologico202454587\/t-815-04\/\" class=\"_self pt-cv-href-thumbnail pt-cv-thumb-default\" target=\"_self\" ><\/a>\n<div class=\"pt-cv-taxoterm above_title\"><a href='https:\/\/www.dmsjuridica.com\/buscador_20179478954\/corteconstitucionalcronologico202454587\/category\/buscar-en-toda-la-corte\/2004\/tutelas-2004\/' title='Tutelas 2004' class='pt-cv-tax-tutelas-2004'>Tutelas 2004<\/a><\/div>\n<h4 class=\"pt-cv-title\"><a href=\"https:\/\/www.dmsjuridica.com\/buscador_20179478954\/corteconstitucionalcronologico202454587\/t-815-04\/\" class=\"_self\" target=\"_self\" >T-815-04<\/a><\/h4>\n<div class=\"pt-cv-content\">\u00a0 \u00a0 Sentencia T-815\/04 \u00a0 COMPETENCIA A PREVENCION EN TUTELA-Derecho de acudir ante juez unipersonal o colegiado para interponer tutela contra actuaci\u00f3n de Salas de Casaci\u00f3n de la Corte Suprema de Justicia \u00a0 DERECHO DE ACCESO A LA ADMINISTRACION DE JUSTICIA-Al no existir decisi\u00f3n de fondo se justifica la nueva interposici\u00f3n de la acci\u00f3n de tutela \u00a0 CONSEJO SECCIONAL DE LA JUDICATURA-Competencia para resolver tutela \u00a0 INDEXACION DE LA PRIMERA MESADA PENSIONAL \u00a0 DERECHOS DEL PENSIONADO A MANTENER EL PODER ADQUISITIVO DE LA MONEDA-Procedencia de su reconocimiento \u00a0 MEDIO DE DEFENSA JUDICIAL INEFICAZ-Procedencia de tutela\/ACCION DE TUTELA-Nueva interposici\u00f3n por cuanto ...<br \/><div class=\"pt-cv-rmwrap\"><a href=\"https:\/\/www.dmsjuridica.com\/buscador_20179478954\/corteconstitucionalcronologico202454587\/t-815-04\/\" class=\"_self pt-cv-readmore btn btn-success\" target=\"_self\">Ver Sentencia Completa...<\/a><\/div><\/div><\/div><\/div>\n<div class=\"col-md-12 col-sm-12 col-xs-12 pt-cv-content-item pt-cv-1-col\" ><div class='pt-cv-ifield'><a href=\"https:\/\/www.dmsjuridica.com\/buscador_20179478954\/corteconstitucionalcronologico202454587\/t-814-04\/\" class=\"_self pt-cv-href-thumbnail pt-cv-thumb-default\" target=\"_self\" ><\/a>\n<div class=\"pt-cv-taxoterm above_title\"><a href='https:\/\/www.dmsjuridica.com\/buscador_20179478954\/corteconstitucionalcronologico202454587\/category\/buscar-en-toda-la-corte\/2004\/tutelas-2004\/' title='Tutelas 2004' class='pt-cv-tax-tutelas-2004'>Tutelas 2004<\/a><\/div>\n<h4 class=\"pt-cv-title\"><a href=\"https:\/\/www.dmsjuridica.com\/buscador_20179478954\/corteconstitucionalcronologico202454587\/t-814-04\/\" class=\"_self\" target=\"_self\" >T-814-04<\/a><\/h4>\n<div class=\"pt-cv-content\">\u00a0 \u00a0 Sentencia T-814\/04 \u00a0 ACCION DE TUTELA-Procedencia excepcional pago de acreencias laborales \u00a0 DERECHO AL MINIMO VITAL-Alcance \u00a0 DERECHO AL MINIMO VITAL-Requisitos para acreditar vulneraci\u00f3n \u00a0 DERECHO AL MINIMO VITAL DEL PENSIONADO-Pago oportuno de mesadas\u00a0 \u00a0 DERECHO AL MINIMO VITAL DEL PENSIONADO-Solidaridad familiar no es excusa para el no pago de las prestaciones reconocidas \u00a0 La solidaridad familiar no es excusa para el no pago de prestaciones reconocidas. Esto es as\u00ed, por cuanto la ayuda econ\u00f3mica que brinden familiares o terceras personas a quienes, por negligencia de los entes obligados a efectuar los pagos de acreencias laborales (como la ...<br \/><div class=\"pt-cv-rmwrap\"><a href=\"https:\/\/www.dmsjuridica.com\/buscador_20179478954\/corteconstitucionalcronologico202454587\/t-814-04\/\" class=\"_self pt-cv-readmore btn btn-success\" target=\"_self\">Ver Sentencia Completa...<\/a><\/div><\/div><\/div><\/div>\n<div class=\"col-md-12 col-sm-12 col-xs-12 pt-cv-content-item pt-cv-1-col\" ><div class='pt-cv-ifield'><a href=\"https:\/\/www.dmsjuridica.com\/buscador_20179478954\/corteconstitucionalcronologico202454587\/t-813-04\/\" class=\"_self pt-cv-href-thumbnail pt-cv-thumb-default\" target=\"_self\" ><\/a>\n<div class=\"pt-cv-taxoterm above_title\"><a href='https:\/\/www.dmsjuridica.com\/buscador_20179478954\/corteconstitucionalcronologico202454587\/category\/buscar-en-toda-la-corte\/2004\/tutelas-2004\/' title='Tutelas 2004' class='pt-cv-tax-tutelas-2004'>Tutelas 2004<\/a><\/div>\n<h4 class=\"pt-cv-title\"><a href=\"https:\/\/www.dmsjuridica.com\/buscador_20179478954\/corteconstitucionalcronologico202454587\/t-813-04\/\" class=\"_self\" target=\"_self\" >T-813-04<\/a><\/h4>\n<div class=\"pt-cv-content\">\u00a0 \u00a0 Sentencia T-813\/04 \u00a0 DESPLAZAMIENTO FORZADO-Alcance \u00a0 CORTE CONSTITUCIONAL-Ordenes para superar el estado de cosas inconstitucional en la poblaci\u00f3n desplazada \u00a0 DERECHOS FUNDAMENTALES DE LOS DESPLAZADOS-Protecci\u00f3n\/ACCION DE TUTELA-Procedencia respecto a desplazados \u00a0 DESPLAZADOS INTERNOS-Instituciones comprometidas con el deber de protecci\u00f3n \u00a0 JUEZ DE TUTELA-Puede convocar otras entidades para protecci\u00f3n de la poblaci\u00f3n desplazada \u00a0 Adem\u00e1s de las instituciones mencionadas, frente a la situaci\u00f3n de cada persona desplazada y teniendo en cuenta sus circunstancias espec\u00edficas, bien pueden ser convocadas por el juez de tutela otras entidades, siempre y cuando resulten vinculadas con la situaci\u00f3n de indefensi\u00f3n del accionante, considerando su ...<br \/><div class=\"pt-cv-rmwrap\"><a href=\"https:\/\/www.dmsjuridica.com\/buscador_20179478954\/corteconstitucionalcronologico202454587\/t-813-04\/\" class=\"_self pt-cv-readmore btn btn-success\" target=\"_self\">Ver Sentencia Completa...<\/a><\/div><\/div><\/div><\/div>\n<div class=\"col-md-12 col-sm-12 col-xs-12 pt-cv-content-item pt-cv-1-col\" ><div class='pt-cv-ifield'><a href=\"https:\/\/www.dmsjuridica.com\/buscador_20179478954\/corteconstitucionalcronologico202454587\/t-812-04\/\" class=\"_self pt-cv-href-thumbnail pt-cv-thumb-default\" target=\"_self\" ><\/a>\n<div class=\"pt-cv-taxoterm above_title\"><a href='https:\/\/www.dmsjuridica.com\/buscador_20179478954\/corteconstitucionalcronologico202454587\/category\/buscar-en-toda-la-corte\/2004\/tutelas-2004\/' title='Tutelas 2004' class='pt-cv-tax-tutelas-2004'>Tutelas 2004<\/a><\/div>\n<h4 class=\"pt-cv-title\"><a href=\"https:\/\/www.dmsjuridica.com\/buscador_20179478954\/corteconstitucionalcronologico202454587\/t-812-04\/\" class=\"_self\" target=\"_self\" >T-812-04<\/a><\/h4>\n<div class=\"pt-cv-content\">ACCION DE TUTELA-Improcedencia general para ordenar reconocimiento de pensiones \u00a0 MEDIO DE DEFENSA JUDICIAL EFICAZ-Reconocimiento de pensi\u00f3n de jubilaci\u00f3n \u00a0 ACCION DE TUTELA-Inmediatez\/ACCION DE TUTELA-T\u00e9rmino razonable de presentaci\u00f3n \u00a0 Referencia: expediente T-897369 \u00a0 Acci\u00f3n de tutela instaurada por Elvira Lucia Alvarado de Neira contra el Fondo de Previsi\u00f3n Social del Congreso de la Rep\u00fablica. \u00a0 Magistrado Ponente (e): \u00a0 Dr. RODRIGO UPRIMNY YEPES\u00a0 \u00a0 Bogot\u00e1, D.C., \u00a0 veintisiete (27) de agosto de dos mil cuatro (2004).\u00a0 \u00a0 La Sala S\u00e9ptima de Revisi\u00f3n de la Corte Constitucional, integrada por los Magistrados Rodrigo Uprimny Yepes, \u00c1lvaro Tafur Galvis y Clara In\u00e9s Vargas ...<br \/><div class=\"pt-cv-rmwrap\"><a href=\"https:\/\/www.dmsjuridica.com\/buscador_20179478954\/corteconstitucionalcronologico202454587\/t-812-04\/\" class=\"_self pt-cv-readmore btn btn-success\" target=\"_self\">Ver Sentencia Completa...<\/a><\/div><\/div><\/div><\/div>\n<div class=\"col-md-12 col-sm-12 col-xs-12 pt-cv-content-item pt-cv-1-col\" ><div class='pt-cv-ifield'><a href=\"https:\/\/www.dmsjuridica.com\/buscador_20179478954\/corteconstitucionalcronologico202454587\/t-811-04\/\" class=\"_self pt-cv-href-thumbnail pt-cv-thumb-default\" target=\"_self\" ><\/a>\n<div class=\"pt-cv-taxoterm above_title\"><a href='https:\/\/www.dmsjuridica.com\/buscador_20179478954\/corteconstitucionalcronologico202454587\/category\/buscar-en-toda-la-corte\/2004\/tutelas-2004\/' title='Tutelas 2004' class='pt-cv-tax-tutelas-2004'>Tutelas 2004<\/a><\/div>\n<h4 class=\"pt-cv-title\"><a href=\"https:\/\/www.dmsjuridica.com\/buscador_20179478954\/corteconstitucionalcronologico202454587\/t-811-04\/\" class=\"_self\" target=\"_self\" >T-811-04<\/a><\/h4>\n<div class=\"pt-cv-content\">\u00a0 \u00a0 Sentencia T-811\/04 \u00a0 JURISDICCION INDIGENA-Elementos \u00a0 Son pues cuatro los elementos que contiene el art\u00edculo en relaci\u00f3n con la jurisdicci\u00f3n especial ind\u00edgena y la protecci\u00f3n de los derechos de los miembros de las comunidades ind\u00edgenas: i) la existencia de autoridades propias de los pueblos ind\u00edgenas, que ejercen funciones jurisdiccionales dentro de su \u00e1mbito territorial; ii) la potestad de los pueblos ind\u00edgenas para establecer y aplicar normas y procedimientos judiciales propios; iii) la sujeci\u00f3n de dichas jurisdicci\u00f3n, normas y procedimientos a la Constituci\u00f3n y a las leyes de la Rep\u00fablica; y iv) la competencia del legislador para se\u00f1alar la ...<br \/><div class=\"pt-cv-rmwrap\"><a href=\"https:\/\/www.dmsjuridica.com\/buscador_20179478954\/corteconstitucionalcronologico202454587\/t-811-04\/\" class=\"_self pt-cv-readmore btn btn-success\" target=\"_self\">Ver Sentencia Completa...<\/a><\/div><\/div><\/div><\/div>\n<div class=\"col-md-12 col-sm-12 col-xs-12 pt-cv-content-item pt-cv-1-col\" ><div class='pt-cv-ifield'><a href=\"https:\/\/www.dmsjuridica.com\/buscador_20179478954\/corteconstitucionalcronologico202454587\/t-810-04\/\" class=\"_self pt-cv-href-thumbnail pt-cv-thumb-default\" target=\"_self\" ><\/a>\n<div class=\"pt-cv-taxoterm above_title\"><a href='https:\/\/www.dmsjuridica.com\/buscador_20179478954\/corteconstitucionalcronologico202454587\/category\/buscar-en-toda-la-corte\/2004\/tutelas-2004\/' title='Tutelas 2004' class='pt-cv-tax-tutelas-2004'>Tutelas 2004<\/a><\/div>\n<h4 class=\"pt-cv-title\"><a href=\"https:\/\/www.dmsjuridica.com\/buscador_20179478954\/corteconstitucionalcronologico202454587\/t-810-04\/\" class=\"_self\" target=\"_self\" >T-810-04<\/a><\/h4>\n<div class=\"pt-cv-content\">\u00a0 \u00a0 Sentencia T-810\/04 \u00a0 DERECHO A LA SALUD DEL SOLDADO RETIRADO-Protecci\u00f3n por autoridades militares \u00a0 DERECHO A LA SALUD DEL SOLDADO RETIRADO-Casos en que se ampl\u00eda t\u00e9rmino de cobertura de las obligaciones del SSMP \u00a0 En consecuencia, la suspensi\u00f3n del servicio de salud en este tipo de circunstancias, en las que es la misma enfermedad padecida durante el servicio la que sustenta la desincorporaci\u00f3n y la suspensi\u00f3n del servicio de salud a cargo del SSMP, \u201cdesconoce entonces el derecho al debido proceso al privar a una persona del acceso a los beneficios de los servicios de salud a los ...<br \/><div class=\"pt-cv-rmwrap\"><a href=\"https:\/\/www.dmsjuridica.com\/buscador_20179478954\/corteconstitucionalcronologico202454587\/t-810-04\/\" class=\"_self pt-cv-readmore btn btn-success\" target=\"_self\">Ver Sentencia Completa...<\/a><\/div><\/div><\/div><\/div>\n<div class=\"col-md-12 col-sm-12 col-xs-12 pt-cv-content-item pt-cv-1-col\" ><div class='pt-cv-ifield'><a href=\"https:\/\/www.dmsjuridica.com\/buscador_20179478954\/corteconstitucionalcronologico202454587\/t-809-04\/\" class=\"_self pt-cv-href-thumbnail pt-cv-thumb-default\" target=\"_self\" ><\/a>\n<div class=\"pt-cv-taxoterm above_title\"><a href='https:\/\/www.dmsjuridica.com\/buscador_20179478954\/corteconstitucionalcronologico202454587\/category\/buscar-en-toda-la-corte\/2004\/tutelas-2004\/' title='Tutelas 2004' class='pt-cv-tax-tutelas-2004'>Tutelas 2004<\/a><\/div>\n<h4 class=\"pt-cv-title\"><a href=\"https:\/\/www.dmsjuridica.com\/buscador_20179478954\/corteconstitucionalcronologico202454587\/t-809-04\/\" class=\"_self\" target=\"_self\" >T-809-04<\/a><\/h4>\n<div class=\"pt-cv-content\">\u00a0 \u00a0 Sentencia T-809\/04 \u00a0 ACCION DE TUTELA-Hecho superado por pago de pensi\u00f3n de vejez \u00a0 Referencia: expediente T-911379 \u00a0 Accionante: Jes\u00fas An\u00edbal Cardona Mu\u00f1oz \u00a0 Demandado: Instituto de Seguros Sociales \u00a0 Magistrado Ponente:\u00a0 \u00a0 Dr. RODRIGO ESCOBAR GIL \u00a0 Bogot\u00e1, D.C., veintis\u00e9is (26) de agosto de dos mil cuatro (2004). \u00a0 La Sala Quinta de Revisi\u00f3n de la Corte Constitucional, integrada por los Magistrados Rodrigo Escobar Gil - Presidente -, Marco Gerardo Monroy Cabra y Rodrigo Uprimny Yepes (E), en ejercicio de sus competencias constitucionales y legales, ha pronunciado la siguiente, \u00a0 SENTENCIA \u00a0 dentro del proceso de revisi\u00f3n ...<br \/><div class=\"pt-cv-rmwrap\"><a href=\"https:\/\/www.dmsjuridica.com\/buscador_20179478954\/corteconstitucionalcronologico202454587\/t-809-04\/\" class=\"_self pt-cv-readmore btn btn-success\" target=\"_self\">Ver Sentencia Completa...<\/a><\/div><\/div><\/div><\/div>\n<div class=\"col-md-12 col-sm-12 col-xs-12 pt-cv-content-item pt-cv-1-col\" ><div class='pt-cv-ifield'><a href=\"https:\/\/www.dmsjuridica.com\/buscador_20179478954\/corteconstitucionalcronologico202454587\/t-808-04\/\" class=\"_self pt-cv-href-thumbnail pt-cv-thumb-default\" target=\"_self\" ><\/a>\n<div class=\"pt-cv-taxoterm above_title\"><a href='https:\/\/www.dmsjuridica.com\/buscador_20179478954\/corteconstitucionalcronologico202454587\/category\/buscar-en-toda-la-corte\/2004\/tutelas-2004\/' title='Tutelas 2004' class='pt-cv-tax-tutelas-2004'>Tutelas 2004<\/a><\/div>\n<h4 class=\"pt-cv-title\"><a href=\"https:\/\/www.dmsjuridica.com\/buscador_20179478954\/corteconstitucionalcronologico202454587\/t-808-04\/\" class=\"_self\" target=\"_self\" >T-808-04<\/a><\/h4>\n<div class=\"pt-cv-content\">\u00a0 \u00a0 Sentencia T-808\/04 \u00a0 SISTEMA GENERAL DE SEGURIDAD SOCIAL EN SALUD-Prestaci\u00f3n del servicio de salud debe ser oportuna y eficiente \u00a0 La Corte Constitucional en reiteradas oportunidades se ha referido a la necesidad de que la prestaci\u00f3n del servicio de salud a los usuarios del SGSSS sea oportuna y eficiente, pues ello garantiza que las condiciones de salud del paciente tiendan-como es su esencia-hacia la recuperaci\u00f3n o control de la enfermedad que lo aqueja y no hacia una mayor perturbaci\u00f3n funcional de su organismo que pueda afectar su derecho a la vida en condiciones dignas. \u00a0 SECRETARIAS DE SALUD ...<br \/><div class=\"pt-cv-rmwrap\"><a href=\"https:\/\/www.dmsjuridica.com\/buscador_20179478954\/corteconstitucionalcronologico202454587\/t-808-04\/\" class=\"_self pt-cv-readmore btn btn-success\" target=\"_self\">Ver Sentencia Completa...<\/a><\/div><\/div><\/div><\/div>\n<div class=\"col-md-12 col-sm-12 col-xs-12 pt-cv-content-item pt-cv-1-col\" ><div class='pt-cv-ifield'><a href=\"https:\/\/www.dmsjuridica.com\/buscador_20179478954\/corteconstitucionalcronologico202454587\/t-807-04\/\" class=\"_self pt-cv-href-thumbnail pt-cv-thumb-default\" target=\"_self\" ><\/a>\n<div class=\"pt-cv-taxoterm above_title\"><a href='https:\/\/www.dmsjuridica.com\/buscador_20179478954\/corteconstitucionalcronologico202454587\/category\/buscar-en-toda-la-corte\/2004\/tutelas-2004\/' title='Tutelas 2004' class='pt-cv-tax-tutelas-2004'>Tutelas 2004<\/a><\/div>\n<h4 class=\"pt-cv-title\"><a href=\"https:\/\/www.dmsjuridica.com\/buscador_20179478954\/corteconstitucionalcronologico202454587\/t-807-04\/\" class=\"_self\" target=\"_self\" >T-807-04<\/a><\/h4>\n<div class=\"pt-cv-content\">\u00a0 \u00a0 Sentencia T-807\/04 \u00a0 ACCION DE TUTELA CONTRA PROVIDENCIAS JUDICIALES-Procedencia excepcional por v\u00eda de hecho judicial \u00a0 ACCION DE TUTELA CONTRA PROVIDENCIAS JUDICIALES-Requisitos formales \u00a0 ACCION DE TUTELA CONTRA PROVIDENCIAS JUDICIALES-Requisitos sustanciales \u00a0 CONTRATO DE CUENTA CORRIENTE BANCARIA-Naturaleza jur\u00eddica \u00a0 Los derechos y obligaciones que surgen entre las partes por la suscripci\u00f3n de un contrato de cuenta corriente bancaria se encuentran establecidos en el C\u00f3digo de Comercio. Se trata de un contrato principal, nominado, oneroso, de tracto sucesivo y bilateral, en el sentido de que el banco se obliga a recibir los dep\u00f3sitos y cumplir las gestiones encomendadas, mientras ...<br \/><div class=\"pt-cv-rmwrap\"><a href=\"https:\/\/www.dmsjuridica.com\/buscador_20179478954\/corteconstitucionalcronologico202454587\/t-807-04\/\" class=\"_self pt-cv-readmore btn btn-success\" target=\"_self\">Ver Sentencia Completa...<\/a><\/div><\/div><\/div><\/div>\n<div class=\"col-md-12 col-sm-12 col-xs-12 pt-cv-content-item pt-cv-1-col\" ><div class='pt-cv-ifield'><a href=\"https:\/\/www.dmsjuridica.com\/buscador_20179478954\/corteconstitucionalcronologico202454587\/t-806-04\/\" class=\"_self pt-cv-href-thumbnail pt-cv-thumb-default\" target=\"_self\" ><\/a>\n<div class=\"pt-cv-taxoterm above_title\"><a href='https:\/\/www.dmsjuridica.com\/buscador_20179478954\/corteconstitucionalcronologico202454587\/category\/buscar-en-toda-la-corte\/2004\/tutelas-2004\/' title='Tutelas 2004' class='pt-cv-tax-tutelas-2004'>Tutelas 2004<\/a><\/div>\n<h4 class=\"pt-cv-title\"><a href=\"https:\/\/www.dmsjuridica.com\/buscador_20179478954\/corteconstitucionalcronologico202454587\/t-806-04\/\" class=\"_self\" target=\"_self\" >T-806-04<\/a><\/h4>\n<div class=\"pt-cv-content\">\u00a0 \u00a0 Sentencia T-806\/04 \u00a0 DERECHO DE PETICION-N\u00facleo esencial \u00a0 DERECHO DE PETICION-Alcance \u00a0 DEBIDO PROCESO ADMINISTRATIVO-Fundamental \u00a0 ACTO ADMINISTRATIVO-Puede incurrir en v\u00eda de hecho \u00a0 Los actos administrativos tambi\u00e9n pueden incurrir en v\u00edas de hecho, que dependiendo de las circunstancias propias de cada caso, pueden ser protegidas a trav\u00e9s de la acci\u00f3n de tutela. Sin embargo, esta Corporaci\u00f3n ha sido clara en precisar, que el amparo a los derechos fundamentales vulnerados por un acto administrativo, tiene un car\u00e1cter excepcional, debido a la existencia de otros mecanismos de defensa judicial con los cuales cuenta el actor. Por tal raz\u00f3n, se ...<br \/><div class=\"pt-cv-rmwrap\"><a href=\"https:\/\/www.dmsjuridica.com\/buscador_20179478954\/corteconstitucionalcronologico202454587\/t-806-04\/\" class=\"_self pt-cv-readmore btn btn-success\" target=\"_self\">Ver Sentencia Completa...<\/a><\/div><\/div><\/div><\/div>\n<div class=\"col-md-12 col-sm-12 col-xs-12 pt-cv-content-item pt-cv-1-col\" ><div class='pt-cv-ifield'><a href=\"https:\/\/www.dmsjuridica.com\/buscador_20179478954\/corteconstitucionalcronologico202454587\/t-805-04\/\" class=\"_self pt-cv-href-thumbnail pt-cv-thumb-default\" target=\"_self\" ><\/a>\n<div class=\"pt-cv-taxoterm above_title\"><a href='https:\/\/www.dmsjuridica.com\/buscador_20179478954\/corteconstitucionalcronologico202454587\/category\/buscar-en-toda-la-corte\/2004\/tutelas-2004\/' title='Tutelas 2004' class='pt-cv-tax-tutelas-2004'>Tutelas 2004<\/a><\/div>\n<h4 class=\"pt-cv-title\"><a href=\"https:\/\/www.dmsjuridica.com\/buscador_20179478954\/corteconstitucionalcronologico202454587\/t-805-04\/\" class=\"_self\" target=\"_self\" >T-805-04<\/a><\/h4>\n<div class=\"pt-cv-content\">\u00a0 \u00a0 Sentencia T-805\/04 \u00a0 COMPETENCIA A PREVENCION-Derecho de acudir ante juez unipersonal o colegiado para interponer tutela contra actuaciones de Salas de Casaci\u00f3n de la Corte Suprema de Justicia \u00a0 DERECHO DE ACCESO A LA ADMINISTRACION DE JUSTICIA-Al no existir decisi\u00f3n de fondo se justifica la nueva interposici\u00f3n de la acci\u00f3n de tutela \u00a0 CONSEJO SECCIONAL DE LA JUDICATURA-Competencia para resolver tutela \u00a0 INDEXACION DE LA PRIMERA MESADA PENSIONAL \u00a0 DERECHOS DEL PENSIONADO A MANTENER EL PODER ADQUISITIVO DE LA MONEDA-Procedencia de su reconocimiento \u00a0 MEDIO DE DEFENSA JUDICIAL INEFICAZ-Procedencia de tutela\/ACCION DE TUTELA-Nueva interposici\u00f3n por cuanto la Corte ...<br \/><div class=\"pt-cv-rmwrap\"><a href=\"https:\/\/www.dmsjuridica.com\/buscador_20179478954\/corteconstitucionalcronologico202454587\/t-805-04\/\" class=\"_self pt-cv-readmore btn btn-success\" target=\"_self\">Ver Sentencia Completa...<\/a><\/div><\/div><\/div><\/div>\n<div class=\"col-md-12 col-sm-12 col-xs-12 pt-cv-content-item pt-cv-1-col\" ><div class='pt-cv-ifield'><a href=\"https:\/\/www.dmsjuridica.com\/buscador_20179478954\/corteconstitucionalcronologico202454587\/t-804-04\/\" class=\"_self pt-cv-href-thumbnail pt-cv-thumb-default\" target=\"_self\" ><\/a>\n<div class=\"pt-cv-taxoterm above_title\"><a href='https:\/\/www.dmsjuridica.com\/buscador_20179478954\/corteconstitucionalcronologico202454587\/category\/buscar-en-toda-la-corte\/2004\/tutelas-2004\/' title='Tutelas 2004' class='pt-cv-tax-tutelas-2004'>Tutelas 2004<\/a><\/div>\n<h4 class=\"pt-cv-title\"><a href=\"https:\/\/www.dmsjuridica.com\/buscador_20179478954\/corteconstitucionalcronologico202454587\/t-804-04\/\" class=\"_self\" target=\"_self\" >T-804-04<\/a><\/h4>\n<div class=\"pt-cv-content\">\u00a0 \u00a0 Sentencia T-804\/04 \u00a0 ABOGADO DE OFICIO-Protecci\u00f3n por el Estado \u00a0 La protecci\u00f3n de los abogados de oficio est\u00e1 doblemente justificada, si se tiene presente que son \u00e9stos quienes permiten que las investigaciones y juzgamientos se sucedan sin tropiezos, en raz\u00f3n de la defensa, y que se trata de un caso de forzosa aceptaci\u00f3n. De modo que al Ministerio accionado le asiste responsabilidad de prestar el apoyo que la actora reclama, i) porque, las autoridades han sido instituidas para proteger a todas las personas en su vida, honra, bienes, creencias, derechos y libertades; ii) en raz\u00f3n de que el ...<br \/><div class=\"pt-cv-rmwrap\"><a href=\"https:\/\/www.dmsjuridica.com\/buscador_20179478954\/corteconstitucionalcronologico202454587\/t-804-04\/\" class=\"_self pt-cv-readmore btn btn-success\" target=\"_self\">Ver Sentencia Completa...<\/a><\/div><\/div><\/div><\/div>\n<div class=\"col-md-12 col-sm-12 col-xs-12 pt-cv-content-item pt-cv-1-col\" ><div class='pt-cv-ifield'><a href=\"https:\/\/www.dmsjuridica.com\/buscador_20179478954\/corteconstitucionalcronologico202454587\/t-803-04\/\" class=\"_self pt-cv-href-thumbnail pt-cv-thumb-default\" target=\"_self\" ><\/a>\n<div class=\"pt-cv-taxoterm above_title\"><a href='https:\/\/www.dmsjuridica.com\/buscador_20179478954\/corteconstitucionalcronologico202454587\/category\/buscar-en-toda-la-corte\/2004\/tutelas-2004\/' title='Tutelas 2004' class='pt-cv-tax-tutelas-2004'>Tutelas 2004<\/a><\/div>\n<h4 class=\"pt-cv-title\"><a href=\"https:\/\/www.dmsjuridica.com\/buscador_20179478954\/corteconstitucionalcronologico202454587\/t-803-04\/\" class=\"_self\" target=\"_self\" >T-803-04<\/a><\/h4>\n<div class=\"pt-cv-content\">\u00a0 \u00a0 Sentencia T-803\/04 \u00a0 ACCION DE TUTELA CONTRA PROVIDENCIAS JUDICIALES DE LA SUPERINTENDENCIA DE SOCIEDADES CUANDO ADELANTA PROCESOS CONCURSALES-Procedencia \u00a0 Los procesos concursales se orientan hacia la protecci\u00f3n de la organizaci\u00f3n empresarial y, a trav\u00e9s de ella, hacia el mantenimiento del empleo y la salvaguarda del sistema crediticio, lo cual se logra mediante la sujeci\u00f3n de las sociedades que afrontan crisis econ\u00f3micas a dos tipos de procedimientos: el concordato o acuerdo de recuperaci\u00f3n de los negocios del deudor, y la liquidaci\u00f3n obligatoria. El primero permite que las empresas con graves dificultades en el pago de sus pasivos lleguen a ...<br \/><div class=\"pt-cv-rmwrap\"><a href=\"https:\/\/www.dmsjuridica.com\/buscador_20179478954\/corteconstitucionalcronologico202454587\/t-803-04\/\" class=\"_self pt-cv-readmore btn btn-success\" target=\"_self\">Ver Sentencia Completa...<\/a><\/div><\/div><\/div><\/div>\n<div class=\"col-md-12 col-sm-12 col-xs-12 pt-cv-content-item pt-cv-1-col\" ><div class='pt-cv-ifield'><a href=\"https:\/\/www.dmsjuridica.com\/buscador_20179478954\/corteconstitucionalcronologico202454587\/t-802-04\/\" class=\"_self pt-cv-href-thumbnail pt-cv-thumb-default\" target=\"_self\" ><\/a>\n<div class=\"pt-cv-taxoterm above_title\"><a href='https:\/\/www.dmsjuridica.com\/buscador_20179478954\/corteconstitucionalcronologico202454587\/category\/buscar-en-toda-la-corte\/2004\/tutelas-2004\/' title='Tutelas 2004' class='pt-cv-tax-tutelas-2004'>Tutelas 2004<\/a><\/div>\n<h4 class=\"pt-cv-title\"><a href=\"https:\/\/www.dmsjuridica.com\/buscador_20179478954\/corteconstitucionalcronologico202454587\/t-802-04\/\" class=\"_self\" target=\"_self\" >T-802-04<\/a><\/h4>\n<div class=\"pt-cv-content\">\u00a0 \u00a0 Sentencia T-802\/04 \u00a0 ACCION DE TUTELA-Inmediatez\/ACCION DE TUTELA-T\u00e9rmino de presentaci\u00f3n \u00a0 ACCION DE TUTELA-No se cumple la inmediatez pues se interpuso la acci\u00f3n nueve a\u00f1os despu\u00e9s de acaecido el hecho \u00a0 JUEZ CONSTITUCIONAL-An\u00e1lisis de los motivos por los que la acci\u00f3n de tutela no se ejerci\u00f3 oportunamente \u00a0 A pesar de que, en principio, la tutela no procede en los eventos en los que no se configura el presupuesto de la inmediatez, el juez constitucional al efectuar el an\u00e1lisis de procedencia de la tutela, debe constatar \u201c...si existe un motivo v\u00e1lido para la inactividad de los accionantes...\u201d, es ...<br \/><div class=\"pt-cv-rmwrap\"><a href=\"https:\/\/www.dmsjuridica.com\/buscador_20179478954\/corteconstitucionalcronologico202454587\/t-802-04\/\" class=\"_self pt-cv-readmore btn btn-success\" target=\"_self\">Ver Sentencia Completa...<\/a><\/div><\/div><\/div><\/div>\n<div class=\"col-md-12 col-sm-12 col-xs-12 pt-cv-content-item pt-cv-1-col\" ><div class='pt-cv-ifield'><a href=\"https:\/\/www.dmsjuridica.com\/buscador_20179478954\/corteconstitucionalcronologico202454587\/t-801-04\/\" class=\"_self pt-cv-href-thumbnail pt-cv-thumb-default\" target=\"_self\" ><\/a>\n<div class=\"pt-cv-taxoterm above_title\"><a href='https:\/\/www.dmsjuridica.com\/buscador_20179478954\/corteconstitucionalcronologico202454587\/category\/buscar-en-toda-la-corte\/2004\/tutelas-2004\/' title='Tutelas 2004' class='pt-cv-tax-tutelas-2004'>Tutelas 2004<\/a><\/div>\n<h4 class=\"pt-cv-title\"><a href=\"https:\/\/www.dmsjuridica.com\/buscador_20179478954\/corteconstitucionalcronologico202454587\/t-801-04\/\" class=\"_self\" target=\"_self\" >T-801-04<\/a><\/h4>\n<div class=\"pt-cv-content\">\u00a0 \u00a0 Sentencia T-801\/04 \u00a0 DERECHO A LA SALUD DEL NI\u00d1O-Fundamental aut\u00f3nomo \u00a0 NI\u00d1O DISCAPACITADO-Protecci\u00f3n en salud \u00a0 ENTIDAD PROMOTORA DE SALUD-L\u00edmites en la prestaci\u00f3n del servicio no pueden desconocer derechos fundamentales de las personas \u00a0 No obstante la limitaci\u00f3n leg\u00edtima de las EPS en estos eventos, para preservar el equilibrio financiero, su aplicaci\u00f3n no puede derechos fundamentales. \u201csi existen unos l\u00edmites legales para la autorizaci\u00f3n del servicio, con el fin de preservar el equilibrio financiero de las entidades prestadoras de salud, es responsabilidad del juez verificar, que estos l\u00edmites no impliquen el desconocimiento de derechos fundamentales a la vida ...<br \/><div class=\"pt-cv-rmwrap\"><a href=\"https:\/\/www.dmsjuridica.com\/buscador_20179478954\/corteconstitucionalcronologico202454587\/t-801-04\/\" class=\"_self pt-cv-readmore btn btn-success\" target=\"_self\">Ver Sentencia Completa...<\/a><\/div><\/div><\/div><\/div>\n<div class=\"col-md-12 col-sm-12 col-xs-12 pt-cv-content-item pt-cv-1-col\" ><div class='pt-cv-ifield'><a href=\"https:\/\/www.dmsjuridica.com\/buscador_20179478954\/corteconstitucionalcronologico202454587\/t-800-04\/\" class=\"_self pt-cv-href-thumbnail pt-cv-thumb-default\" target=\"_self\" ><\/a>\n<div class=\"pt-cv-taxoterm above_title\"><a href='https:\/\/www.dmsjuridica.com\/buscador_20179478954\/corteconstitucionalcronologico202454587\/category\/buscar-en-toda-la-corte\/2004\/tutelas-2004\/' title='Tutelas 2004' class='pt-cv-tax-tutelas-2004'>Tutelas 2004<\/a><\/div>\n<h4 class=\"pt-cv-title\"><a href=\"https:\/\/www.dmsjuridica.com\/buscador_20179478954\/corteconstitucionalcronologico202454587\/t-800-04\/\" class=\"_self\" target=\"_self\" >T-800-04<\/a><\/h4>\n<div class=\"pt-cv-content\">\u00a0 \u00a0 Sentencia T-800\/04 \u00a0 PROCESO ARBITRAL-Garant\u00eda del debido proceso\/PROCESO ARBITRAL-Garant\u00eda de publicidad y contradicci\u00f3n \u00a0 El proceso arbitral, como mecanismo alterno de soluci\u00f3n de conflictos, no releva a quienes han sido nombrados \u00e1rbitros, del estricto cumplimiento de todos los elementos que conforman el debido proceso conforme a la reglamentaci\u00f3n legal propia del procedimiento arbitral. De all\u00ed que en el tr\u00e1mite arbitral, cuyo prop\u00f3sito es restablecer los derechos alegados por quienes en virtud de la decisi\u00f3n voluntaria de someter sus controversias actuales o futuras al conocimiento y decisi\u00f3n de esta clase de procedimiento, daban acoger todos los principios procesales, y, ...<br \/><div class=\"pt-cv-rmwrap\"><a href=\"https:\/\/www.dmsjuridica.com\/buscador_20179478954\/corteconstitucionalcronologico202454587\/t-800-04\/\" class=\"_self pt-cv-readmore btn btn-success\" target=\"_self\">Ver Sentencia Completa...<\/a><\/div><\/div><\/div><\/div>\n<div class=\"col-md-12 col-sm-12 col-xs-12 pt-cv-content-item pt-cv-1-col\" ><div class='pt-cv-ifield'><a href=\"https:\/\/www.dmsjuridica.com\/buscador_20179478954\/corteconstitucionalcronologico202454587\/t-799-04\/\" class=\"_self pt-cv-href-thumbnail pt-cv-thumb-default\" target=\"_self\" ><\/a>\n<div class=\"pt-cv-taxoterm above_title\"><a href='https:\/\/www.dmsjuridica.com\/buscador_20179478954\/corteconstitucionalcronologico202454587\/category\/buscar-en-toda-la-corte\/2004\/tutelas-2004\/' title='Tutelas 2004' class='pt-cv-tax-tutelas-2004'>Tutelas 2004<\/a><\/div>\n<h4 class=\"pt-cv-title\"><a href=\"https:\/\/www.dmsjuridica.com\/buscador_20179478954\/corteconstitucionalcronologico202454587\/t-799-04\/\" class=\"_self\" target=\"_self\" >T-799-04<\/a><\/h4>\n<div class=\"pt-cv-content\">\u00a0 \u00a0 Sentencia T-799\/04 \u00a0 ACCION DE TUTELA-Hecho superado por pr\u00e1ctica de cirug\u00eda \u00a0 Referencia: expediente T-913911 \u00a0 Accionante: Juan Javier N\u00fa\u00f1ez Londo\u00f1o \u00a0 Demandado: Secretar\u00eda de Salud Departamental y otro. \u00a0 Magistrado Ponente:\u00a0 \u00a0 Dr. RODRIGO ESCOBAR GIL \u00a0 Bogot\u00e1, D.C., veinticinco (25) de agosto de dos mil cuatro (2004). \u00a0 La Sala Quinta de Revisi\u00f3n de la Corte Constitucional, integrada por los Magistrados Rodrigo Escobar Gil - Presidente -, Marco Gerardo Monroy Cabra y Rodrigo Uprimny Yepes (E), en ejercicio de sus competencias constitucionales y legales, ha pronunciado la siguiente, \u00a0 SENTENCIA \u00a0 I. \u00a0ANTECEDENTES \u00a0 1. \u00a0 ...<br \/><div class=\"pt-cv-rmwrap\"><a href=\"https:\/\/www.dmsjuridica.com\/buscador_20179478954\/corteconstitucionalcronologico202454587\/t-799-04\/\" class=\"_self pt-cv-readmore btn btn-success\" target=\"_self\">Ver Sentencia Completa...<\/a><\/div><\/div><\/div><\/div>\n<div class=\"col-md-12 col-sm-12 col-xs-12 pt-cv-content-item pt-cv-1-col\" ><div class='pt-cv-ifield'><a href=\"https:\/\/www.dmsjuridica.com\/buscador_20179478954\/corteconstitucionalcronologico202454587\/t-794-04\/\" class=\"_self pt-cv-href-thumbnail pt-cv-thumb-default\" target=\"_self\" ><\/a>\n<div class=\"pt-cv-taxoterm above_title\"><a href='https:\/\/www.dmsjuridica.com\/buscador_20179478954\/corteconstitucionalcronologico202454587\/category\/buscar-en-toda-la-corte\/2004\/tutelas-2004\/' title='Tutelas 2004' class='pt-cv-tax-tutelas-2004'>Tutelas 2004<\/a><\/div>\n<h4 class=\"pt-cv-title\"><a href=\"https:\/\/www.dmsjuridica.com\/buscador_20179478954\/corteconstitucionalcronologico202454587\/t-794-04\/\" class=\"_self\" target=\"_self\" >T-794-04<\/a><\/h4>\n<div class=\"pt-cv-content\">\u00a0 \u00a0 Sentencia T-794\/04 \u00a0 AGENCIA OFICIOSA EN TUTELA-Alcance \u00a0 INAPLICACION DE NORMAS DEL PLAN OBLIGATORIO DE SALUD-Casos en que procede por exclusi\u00f3n de tratamiento y medicamentos de alto costo \u00a0 AGENCIA OFICIOSA EN TUTELA-Hija en representaci\u00f3n de su padre con c\u00e1ncer \u00a0 PRESUNCION DE VERACIDAD-Cumplimiento de requisitos que tornan procedente el amparo \u00a0 ENTIDAD PROMOTORA DE SALUD-Suministro de medicamento a paciente con c\u00e1ncer y repetici\u00f3n contra el Fosyga \u00a0 Referencia: expediente T-901495 \u00a0 Acci\u00f3n de tutela instaurada por Rosa Camila Mestra \u00a0Ya\u00f1ez actuando como agente oficioso de Antonio Norberto Mestra Mestra contra la Caja Nacional de Previsi\u00f3n Social CAJANAL ...<br \/><div class=\"pt-cv-rmwrap\"><a href=\"https:\/\/www.dmsjuridica.com\/buscador_20179478954\/corteconstitucionalcronologico202454587\/t-794-04\/\" class=\"_self pt-cv-readmore btn btn-success\" target=\"_self\">Ver Sentencia Completa...<\/a><\/div><\/div><\/div><\/div>\n<div class=\"col-md-12 col-sm-12 col-xs-12 pt-cv-content-item pt-cv-1-col\" ><div class='pt-cv-ifield'><a href=\"https:\/\/www.dmsjuridica.com\/buscador_20179478954\/corteconstitucionalcronologico202454587\/t-793-04\/\" class=\"_self pt-cv-href-thumbnail pt-cv-thumb-default\" target=\"_self\" ><\/a>\n<div class=\"pt-cv-taxoterm above_title\"><a href='https:\/\/www.dmsjuridica.com\/buscador_20179478954\/corteconstitucionalcronologico202454587\/category\/buscar-en-toda-la-corte\/2004\/tutelas-2004\/' title='Tutelas 2004' class='pt-cv-tax-tutelas-2004'>Tutelas 2004<\/a><\/div>\n<h4 class=\"pt-cv-title\"><a href=\"https:\/\/www.dmsjuridica.com\/buscador_20179478954\/corteconstitucionalcronologico202454587\/t-793-04\/\" class=\"_self\" target=\"_self\" >T-793-04<\/a><\/h4>\n<div class=\"pt-cv-content\">\u00a0 \u00a0 Sentencia T-793\/04 \u00a0 FONDO NACIONAL DEL AHORRO-Naturaleza jur\u00eddica \u00a0 El Fondo Nacional de Ahorro es una Empresa Industrial y Comercial del Estado de car\u00e1cter financiero del orden nacional, con r\u00e9gimen legal propio, personer\u00eda jur\u00eddica, autonom\u00eda administrativa y capital independiente. La entidad tiene por objeto administrar las cesant\u00edas de los trabajadores afiliados y contribuir a la soluci\u00f3n del problema de vivienda y educaci\u00f3n de los mismos a trav\u00e9s del otorgamiento de cr\u00e9ditos para dichos fines. \u00a0 FONDO NACIONAL DEL AHORRO-Se sujeta a las normas de derecho privado \u00a0 FONDO NACIONAL DEL AHORRO-Posici\u00f3n dominante \u00a0 PRINCIPIO DE LA BUENA FE-Alcance\/ACTO ...<br \/><div class=\"pt-cv-rmwrap\"><a href=\"https:\/\/www.dmsjuridica.com\/buscador_20179478954\/corteconstitucionalcronologico202454587\/t-793-04\/\" class=\"_self pt-cv-readmore btn btn-success\" target=\"_self\">Ver Sentencia Completa...<\/a><\/div><\/div><\/div><\/div>\n<div class=\"col-md-12 col-sm-12 col-xs-12 pt-cv-content-item pt-cv-1-col\" ><div class='pt-cv-ifield'><a href=\"https:\/\/www.dmsjuridica.com\/buscador_20179478954\/corteconstitucionalcronologico202454587\/t-792-04\/\" class=\"_self pt-cv-href-thumbnail pt-cv-thumb-default\" target=\"_self\" ><\/a>\n<div class=\"pt-cv-taxoterm above_title\"><a href='https:\/\/www.dmsjuridica.com\/buscador_20179478954\/corteconstitucionalcronologico202454587\/category\/buscar-en-toda-la-corte\/2004\/tutelas-2004\/' title='Tutelas 2004' class='pt-cv-tax-tutelas-2004'>Tutelas 2004<\/a><\/div>\n<h4 class=\"pt-cv-title\"><a href=\"https:\/\/www.dmsjuridica.com\/buscador_20179478954\/corteconstitucionalcronologico202454587\/t-792-04\/\" class=\"_self\" target=\"_self\" >T-792-04<\/a><\/h4>\n<div class=\"pt-cv-content\">\u00a0 \u00a0 Sentencia T-792\/04 \u00a0 PROGRAMA DE RENOVACION DE LA ADMINISTRACION PUBLICA-Prohibiciones que se establecieron frente al retiro \u00a0 MADRE CABEZA DE FAMILIA-Protecci\u00f3n especial \u00a0 MADRE CABEZA DE FAMILIA FRENTE AL DERECHO AL TRABAJO \u00a0 ESTABILIDAD LABORAL DE MADRE CABEZA DE FAMILIA \u00a0 PREVALENCIA DEL DERECHO DE LOS NI\u00d1OS \u00a0 PERSONAS DISCAPACITADAS-Protecci\u00f3n constitucional \u00a0 RETEN SOCIAL-Limitaci\u00f3n temporal del beneficio \u00a0 MADRE CABEZA DE FAMILIA Y PERSONAS DISCAPACITADAS-Limitaci\u00f3n a los beneficios consagrados por Ley \u00a0 TEST DE RAZONABILIDAD Y PRINCIPIO DE IGUALDAD EN BENEFICIOS DE ESTABILIDAD LABORAL DE MADRE CABEZA DE FAMILIA Y PERSONAS DISCAPACITADAS \u00a0 MADRE CABEZA DE FAMILIA Y ...<br \/><div class=\"pt-cv-rmwrap\"><a href=\"https:\/\/www.dmsjuridica.com\/buscador_20179478954\/corteconstitucionalcronologico202454587\/t-792-04\/\" class=\"_self pt-cv-readmore btn btn-success\" target=\"_self\">Ver Sentencia Completa...<\/a><\/div><\/div><\/div><\/div>\n<div class=\"col-md-12 col-sm-12 col-xs-12 pt-cv-content-item pt-cv-1-col\" ><div class='pt-cv-ifield'><a href=\"https:\/\/www.dmsjuridica.com\/buscador_20179478954\/corteconstitucionalcronologico202454587\/t-791-04\/\" class=\"_self pt-cv-href-thumbnail pt-cv-thumb-default\" target=\"_self\" ><\/a>\n<div class=\"pt-cv-taxoterm above_title\"><a href='https:\/\/www.dmsjuridica.com\/buscador_20179478954\/corteconstitucionalcronologico202454587\/category\/buscar-en-toda-la-corte\/2004\/tutelas-2004\/' title='Tutelas 2004' class='pt-cv-tax-tutelas-2004'>Tutelas 2004<\/a><\/div>\n<h4 class=\"pt-cv-title\"><a href=\"https:\/\/www.dmsjuridica.com\/buscador_20179478954\/corteconstitucionalcronologico202454587\/t-791-04\/\" class=\"_self\" target=\"_self\" >T-791-04<\/a><\/h4>\n<div class=\"pt-cv-content\">\u00a0 \u00a0 Sentencia T-791\/04 \u00a0 SUBSIDIO FAMILIAR DE VIVIENDA-Normatividad vigente en la \u00e9poca de solicitud de los demandantes \u00a0 SUBSIDIO FAMILIAR DE VIVIENDA-Objeto \u00a0 El subsidio familiar de vivienda (SFV) es un aporte estatal que se entrega por una sola vez al beneficiario, el cual puede estar representado en especie o en dinero, y est\u00e1 dirigido a que personas con escasos recursos econ\u00f3micos puedan acceder a una vivienda o a mejorar la que ya tiene. \u00a0 DERECHO A LA VIVIENDA DIGNA-Car\u00e1cter prestacional \u00a0 El derecho a la vivienda digna es un derecho de car\u00e1cter asistencial que requiere un desarrollo legal ...<br \/><div class=\"pt-cv-rmwrap\"><a href=\"https:\/\/www.dmsjuridica.com\/buscador_20179478954\/corteconstitucionalcronologico202454587\/t-791-04\/\" class=\"_self pt-cv-readmore btn btn-success\" target=\"_self\">Ver Sentencia Completa...<\/a><\/div><\/div><\/div><\/div>\n<div class=\"col-md-12 col-sm-12 col-xs-12 pt-cv-content-item pt-cv-1-col\" ><div class='pt-cv-ifield'><a href=\"https:\/\/www.dmsjuridica.com\/buscador_20179478954\/corteconstitucionalcronologico202454587\/t-790-04\/\" class=\"_self pt-cv-href-thumbnail pt-cv-thumb-default\" target=\"_self\" ><\/a>\n<div class=\"pt-cv-taxoterm above_title\"><a href='https:\/\/www.dmsjuridica.com\/buscador_20179478954\/corteconstitucionalcronologico202454587\/category\/buscar-en-toda-la-corte\/2004\/tutelas-2004\/' title='Tutelas 2004' class='pt-cv-tax-tutelas-2004'>Tutelas 2004<\/a><\/div>\n<h4 class=\"pt-cv-title\"><a href=\"https:\/\/www.dmsjuridica.com\/buscador_20179478954\/corteconstitucionalcronologico202454587\/t-790-04\/\" class=\"_self\" target=\"_self\" >T-790-04<\/a><\/h4>\n<div class=\"pt-cv-content\">\u00a0 \u00a0 Sentencia T-790\/04 \u00a0 REVOCACION DIRECTA DE ACTO ADMINISTRATIVO PARTICULAR Y CONCRETO-Consentimiento expreso y escrito del titular \u00a0 ACCION DE TUTELA-Procedencia cuando se revocan actos administrativos en los que se reconocen derechos pensionales \u00a0 ACTO ADMINISTRATIVO-Notificaci\u00f3n\/ACTO ADMINISTRATIVO-Notificaci\u00f3n personal o por edicto \u00a0 ACTO ADMINISTRATIVO-Excepci\u00f3n al requisito de la notificaci\u00f3n\/ACTO ADMINISTRATIVO-Notificaci\u00f3n ficta o presunta \u00a0 Si bien es claro que mientras los actos administrativos no cumplan con el requisito de la notificaci\u00f3n, no podr\u00e1n producir efecto alguno, pero tal regulaci\u00f3n contempla una excepci\u00f3n y es la consagrada por el art\u00edculo 48 del C.C.A., que admite que ante determinadas actuaciones de ...<br \/><div class=\"pt-cv-rmwrap\"><a href=\"https:\/\/www.dmsjuridica.com\/buscador_20179478954\/corteconstitucionalcronologico202454587\/t-790-04\/\" class=\"_self pt-cv-readmore btn btn-success\" target=\"_self\">Ver Sentencia Completa...<\/a><\/div><\/div><\/div><\/div>\n<div class=\"col-md-12 col-sm-12 col-xs-12 pt-cv-content-item pt-cv-1-col\" ><div class='pt-cv-ifield'><a href=\"https:\/\/www.dmsjuridica.com\/buscador_20179478954\/corteconstitucionalcronologico202454587\/t-789-04\/\" class=\"_self pt-cv-href-thumbnail pt-cv-thumb-default\" target=\"_self\" ><\/a>\n<div class=\"pt-cv-taxoterm above_title\"><a href='https:\/\/www.dmsjuridica.com\/buscador_20179478954\/corteconstitucionalcronologico202454587\/category\/buscar-en-toda-la-corte\/2004\/tutelas-2004\/' title='Tutelas 2004' class='pt-cv-tax-tutelas-2004'>Tutelas 2004<\/a><\/div>\n<h4 class=\"pt-cv-title\"><a href=\"https:\/\/www.dmsjuridica.com\/buscador_20179478954\/corteconstitucionalcronologico202454587\/t-789-04\/\" class=\"_self\" target=\"_self\" >T-789-04<\/a><\/h4>\n<div class=\"pt-cv-content\">\u00a0 \u00a0 Sentencia T-789\/04 \u00a0 CONTRATO DE TRABAJO-Ausencia del trabajador no es justa causa para terminarlo\/AUTORIDAD JUDICIAL-Investigaci\u00f3n sobre desaparici\u00f3n forzosa o secuestro para pago de salarios y prestaciones sociales\/JUSTICIA LABORAL-Investigaci\u00f3n sobre terminaci\u00f3n del contrato sin justa causa \u00a0 El patrono no puede esgrimir la incertidumbre sobre la existencia del trabajador, as\u00ed su ausencia del empleo fuere prolongada, para dar por terminado el contrato con justa causa. Podr\u00eda considerarse, sin embargo, en raz\u00f3n de que la ausencia del trabajador no es justa causa para dar por terminado el contrato de trabajo, que basta la incertidumbre sobre su existencia para que los ...<br \/><div class=\"pt-cv-rmwrap\"><a href=\"https:\/\/www.dmsjuridica.com\/buscador_20179478954\/corteconstitucionalcronologico202454587\/t-789-04\/\" class=\"_self pt-cv-readmore btn btn-success\" target=\"_self\">Ver Sentencia Completa...<\/a><\/div><\/div><\/div><\/div>\n<div class=\"col-md-12 col-sm-12 col-xs-12 pt-cv-content-item pt-cv-1-col\" ><div class='pt-cv-ifield'><a href=\"https:\/\/www.dmsjuridica.com\/buscador_20179478954\/corteconstitucionalcronologico202454587\/t-788-04\/\" class=\"_self pt-cv-href-thumbnail pt-cv-thumb-default\" target=\"_self\" ><\/a>\n<div class=\"pt-cv-taxoterm above_title\"><a href='https:\/\/www.dmsjuridica.com\/buscador_20179478954\/corteconstitucionalcronologico202454587\/category\/buscar-en-toda-la-corte\/2004\/tutelas-2004\/' title='Tutelas 2004' class='pt-cv-tax-tutelas-2004'>Tutelas 2004<\/a><\/div>\n<h4 class=\"pt-cv-title\"><a href=\"https:\/\/www.dmsjuridica.com\/buscador_20179478954\/corteconstitucionalcronologico202454587\/t-788-04\/\" class=\"_self\" target=\"_self\" >T-788-04<\/a><\/h4>\n<div class=\"pt-cv-content\">\u00a0 \u00a0 Sentencia T-788\/04 \u00a0 TRABAJADORA INDEPENDIENTE-Al no tener vinculaci\u00f3n laboral no goza de la posibilidad de reincorporarse a su trabajo despu\u00e9s de los tres meses posteriores al parto \u00a0 LICENCIA DE MATERNIDAD-T\u00e9rmino para solicitar pago dentro del a\u00f1o siguiente al nacimiento del ni\u00f1o \u00a0 TRABAJADORA INDEPENDIENTE-Requisitos para el pago de la licencia de maternidad \u00a0 LICENCIA DE MATERNIDAD-Pago por allanamiento a la mora por EPS\/LICENCIA DE MATERNIDAD-Accionante cotiz\u00f3 todo el tiempo de la gestaci\u00f3n\/DERECHO AL MINIMO VITAL DE TRABAJADORA INDEPENDIENTE-Pago de licencia de maternidad \u00a0 Referencia: expediente T-902639 \u00a0 Acci\u00f3n de tutela instaurada por Diana Milena Salgado Agudelo contra ...<br \/><div class=\"pt-cv-rmwrap\"><a href=\"https:\/\/www.dmsjuridica.com\/buscador_20179478954\/corteconstitucionalcronologico202454587\/t-788-04\/\" class=\"_self pt-cv-readmore btn btn-success\" target=\"_self\">Ver Sentencia Completa...<\/a><\/div><\/div><\/div><\/div>\n<div class=\"col-md-12 col-sm-12 col-xs-12 pt-cv-content-item pt-cv-1-col\" ><div class='pt-cv-ifield'><a href=\"https:\/\/www.dmsjuridica.com\/buscador_20179478954\/corteconstitucionalcronologico202454587\/t-787-04\/\" class=\"_self pt-cv-href-thumbnail pt-cv-thumb-default\" target=\"_self\" ><\/a>\n<div class=\"pt-cv-taxoterm above_title\"><a href='https:\/\/www.dmsjuridica.com\/buscador_20179478954\/corteconstitucionalcronologico202454587\/category\/buscar-en-toda-la-corte\/2004\/tutelas-2004\/' title='Tutelas 2004' class='pt-cv-tax-tutelas-2004'>Tutelas 2004<\/a><\/div>\n<h4 class=\"pt-cv-title\"><a href=\"https:\/\/www.dmsjuridica.com\/buscador_20179478954\/corteconstitucionalcronologico202454587\/t-787-04\/\" class=\"_self\" target=\"_self\" >T-787-04<\/a><\/h4>\n<div class=\"pt-cv-content\">\u00a0 \u00a0 Sentencia T-787\/04 \u00a0 LEGITIMACION POR ACTIVA EN TUTELA-Abogado con poder para actuar \u00a0 ACCION DE TUTELA CONTRA PARTICULARES-Subordinaci\u00f3n e indefensi\u00f3n \u00a0 SUBORDINACION-Alcance \u00a0 INDEFENSION-Alcance \u00a0 INDEFENSION-Publicaci\u00f3n de caricatura que afecta derechos de la accionante \u00a0 El estado de indefensi\u00f3n de la accionante es evidente, ya que la publicaci\u00f3n de la caricatura se realiz\u00f3 en el lugar donde la accionante labora y donde todo el mundo tiene conocimiento acerca de su vida. Ello le ha generado la carga de tener que explicar su comportamiento, a partir de las dificultades m\u00e9dicas que le impidieron acudir a laborar. De esta suerte, ...<br \/><div class=\"pt-cv-rmwrap\"><a href=\"https:\/\/www.dmsjuridica.com\/buscador_20179478954\/corteconstitucionalcronologico202454587\/t-787-04\/\" class=\"_self pt-cv-readmore btn btn-success\" target=\"_self\">Ver Sentencia Completa...<\/a><\/div><\/div><\/div><\/div>\n<div class=\"col-md-12 col-sm-12 col-xs-12 pt-cv-content-item pt-cv-1-col\" ><div class='pt-cv-ifield'><a href=\"https:\/\/www.dmsjuridica.com\/buscador_20179478954\/corteconstitucionalcronologico202454587\/t-778-04\/\" class=\"_self pt-cv-href-thumbnail pt-cv-thumb-default\" target=\"_self\" ><\/a>\n<div class=\"pt-cv-taxoterm above_title\"><a href='https:\/\/www.dmsjuridica.com\/buscador_20179478954\/corteconstitucionalcronologico202454587\/category\/buscar-en-toda-la-corte\/2004\/tutelas-2004\/' title='Tutelas 2004' class='pt-cv-tax-tutelas-2004'>Tutelas 2004<\/a><\/div>\n<h4 class=\"pt-cv-title\"><a href=\"https:\/\/www.dmsjuridica.com\/buscador_20179478954\/corteconstitucionalcronologico202454587\/t-778-04\/\" class=\"_self\" target=\"_self\" >T-778-04<\/a><\/h4>\n<div class=\"pt-cv-content\">\u00a0 \u00a0 Sentencia T-778\/04 \u00a0 ACCION DE TUTELA CONTRA PROVIDENCIAS JUDICIALES-Causales de procedencia \u00a0 ACCION DE TUTELA-Subsidiariedad \u00a0 ACCION DE TUTELA-Inmediatez \u00a0 ACCION DE TUTELA CONTRA PROVIDENCIAS JUDICIALES-V\u00eda de hecho por defecto f\u00e1ctico\/VIA DE HECHO-Tribunal consider\u00f3 extempor\u00e1neamente la presentaci\u00f3n del escrito de excepciones\/DERECHO DE DEFENSA-Vulneraci\u00f3n por cuanto el Tribunal consider\u00f3 extempor\u00e1nea la presentaci\u00f3n del escrito de excepciones \u00a0 La Corte considera que a lo largo del proceso de tutela de la referencia, se pudo demostrar que el Juzgado 13 Civil del Circuito de Bogot\u00e1, estuvo cerrado desde el 13 de enero hasta el 6 de febrero, por el inventario y ...<br \/><div class=\"pt-cv-rmwrap\"><a href=\"https:\/\/www.dmsjuridica.com\/buscador_20179478954\/corteconstitucionalcronologico202454587\/t-778-04\/\" class=\"_self pt-cv-readmore btn btn-success\" target=\"_self\">Ver Sentencia Completa...<\/a><\/div><\/div><\/div><\/div>\n<div class=\"col-md-12 col-sm-12 col-xs-12 pt-cv-content-item pt-cv-1-col\" ><div class='pt-cv-ifield'><a href=\"https:\/\/www.dmsjuridica.com\/buscador_20179478954\/corteconstitucionalcronologico202454587\/t-777-04\/\" class=\"_self pt-cv-href-thumbnail pt-cv-thumb-default\" target=\"_self\" ><\/a>\n<div class=\"pt-cv-taxoterm above_title\"><a href='https:\/\/www.dmsjuridica.com\/buscador_20179478954\/corteconstitucionalcronologico202454587\/category\/buscar-en-toda-la-corte\/2004\/tutelas-2004\/' title='Tutelas 2004' class='pt-cv-tax-tutelas-2004'>Tutelas 2004<\/a><\/div>\n<h4 class=\"pt-cv-title\"><a href=\"https:\/\/www.dmsjuridica.com\/buscador_20179478954\/corteconstitucionalcronologico202454587\/t-777-04\/\" class=\"_self\" target=\"_self\" >T-777-04<\/a><\/h4>\n<div class=\"pt-cv-content\">\u00a0 \u00a0 Sentencia T-777\/04 \u00a0 PRINCIPIO DE CONTINUIDAD EN EL SERVICIO DE SALUD-Alcance \u00a0 PRINCIPIO DE CONTINUIDAD POR ENTIDAD PROMOTORA DE SALUD-Casos en que no puede suspender el tratamiento o el medicamento\/PRINCIPIO DE CONTINUIDAD POR ENTIDAD PROMOTORA DE SALUD-Casos en que es aceptable que se suspenda la prestaci\u00f3n del servicio de salud \u00a0 DERECHO A LA SALUD DEL MENOR-Fundamental\/PRINCIPIO DE CONTINUIDAD EN EL SERVICIO DE SALUD A MENOR-Desafiliaci\u00f3n del servicio por terminaci\u00f3n del v\u00ednculo laboral de su padre no es \u00f3bice para no realizar la cirug\u00eda que requiere \u00a0 El derecho a la seguridad social en salud es un derecho ...<br \/><div class=\"pt-cv-rmwrap\"><a href=\"https:\/\/www.dmsjuridica.com\/buscador_20179478954\/corteconstitucionalcronologico202454587\/t-777-04\/\" class=\"_self pt-cv-readmore btn btn-success\" target=\"_self\">Ver Sentencia Completa...<\/a><\/div><\/div><\/div><\/div>\n<div class=\"col-md-12 col-sm-12 col-xs-12 pt-cv-content-item pt-cv-1-col\" ><div class='pt-cv-ifield'><a href=\"https:\/\/www.dmsjuridica.com\/buscador_20179478954\/corteconstitucionalcronologico202454587\/t-776-04\/\" class=\"_self pt-cv-href-thumbnail pt-cv-thumb-default\" target=\"_self\" ><\/a>\n<div class=\"pt-cv-taxoterm above_title\"><a href='https:\/\/www.dmsjuridica.com\/buscador_20179478954\/corteconstitucionalcronologico202454587\/category\/buscar-en-toda-la-corte\/2004\/tutelas-2004\/' title='Tutelas 2004' class='pt-cv-tax-tutelas-2004'>Tutelas 2004<\/a><\/div>\n<h4 class=\"pt-cv-title\"><a href=\"https:\/\/www.dmsjuridica.com\/buscador_20179478954\/corteconstitucionalcronologico202454587\/t-776-04\/\" class=\"_self\" target=\"_self\" >T-776-04<\/a><\/h4>\n<div class=\"pt-cv-content\">\u00a0 \u00a0 Sentencia T-776\/04 \u00a0 ACCION DE TUTELA CONTRA PROVIDENCIAS JUDICIALES-Requisitos \u00a0 ACCION DE TUTELA-Improcedencia por no ejercicio oportuno de mecanismo de defensa judicial\/ACCION DE TUTELA-Omisi\u00f3n de los accionantes en iniciar tr\u00e1mite y graduaci\u00f3n de sus cr\u00e9ditos \u00a0 Los trabajadores accionantes en el presente proceso dejaron pasar las oportunidades dispuestas en la ley dirigidas, primero, a que fueran reconocidas sus acreencias laborales, y, segundo, a que controvirtieran la decisi\u00f3n judicial de no calificar y graduar sus cr\u00e9ditos. La omisi\u00f3n de los accionantes o sus apoderados de iniciar el tr\u00e1mite de calificaci\u00f3n y graduaci\u00f3n de sus cr\u00e9ditos, y de interponer los ...<br \/><div class=\"pt-cv-rmwrap\"><a href=\"https:\/\/www.dmsjuridica.com\/buscador_20179478954\/corteconstitucionalcronologico202454587\/t-776-04\/\" class=\"_self pt-cv-readmore btn btn-success\" target=\"_self\">Ver Sentencia Completa...<\/a><\/div><\/div><\/div><\/div>\n<div class=\"col-md-12 col-sm-12 col-xs-12 pt-cv-content-item pt-cv-1-col\" ><div class='pt-cv-ifield'><a href=\"https:\/\/www.dmsjuridica.com\/buscador_20179478954\/corteconstitucionalcronologico202454587\/t-775-04\/\" class=\"_self pt-cv-href-thumbnail pt-cv-thumb-default\" target=\"_self\" ><\/a>\n<div class=\"pt-cv-taxoterm above_title\"><a href='https:\/\/www.dmsjuridica.com\/buscador_20179478954\/corteconstitucionalcronologico202454587\/category\/buscar-en-toda-la-corte\/2004\/tutelas-2004\/' title='Tutelas 2004' class='pt-cv-tax-tutelas-2004'>Tutelas 2004<\/a><\/div>\n<h4 class=\"pt-cv-title\"><a href=\"https:\/\/www.dmsjuridica.com\/buscador_20179478954\/corteconstitucionalcronologico202454587\/t-775-04\/\" class=\"_self\" target=\"_self\" >T-775-04<\/a><\/h4>\n<div class=\"pt-cv-content\">\u00a0 \u00a0 Sentencia T-775\/04 \u00a0 SECUESTRO DE BIEN INMUEBLE-Custodia y administraci\u00f3n del bien est\u00e1 a cargo del secuestre\/SECUESTRE-Facultad para suscribir un nuevo contrato de arrendamiento y recibir los arriendos \u00a0 La diligencia de secuestro del inmueble es simplemente la consecuencia natural de los mandamientos de pago \u2013 contra los cuales la Constructora no present\u00f3 excepciones previas. Tambi\u00e9n es propio de una diligencia de secuestro el nombramiento de un secuestre, quien tiene como funci\u00f3n la custodia y administraci\u00f3n de los bienes que se le entreguen. Por eso, no es de recibo la tesis del demandante acerca de que el secuestre no ...<br \/><div class=\"pt-cv-rmwrap\"><a href=\"https:\/\/www.dmsjuridica.com\/buscador_20179478954\/corteconstitucionalcronologico202454587\/t-775-04\/\" class=\"_self pt-cv-readmore btn btn-success\" target=\"_self\">Ver Sentencia Completa...<\/a><\/div><\/div><\/div><\/div>\n<div class=\"col-md-12 col-sm-12 col-xs-12 pt-cv-content-item pt-cv-1-col\" ><div class='pt-cv-ifield'><a href=\"https:\/\/www.dmsjuridica.com\/buscador_20179478954\/corteconstitucionalcronologico202454587\/t-774-04\/\" class=\"_self pt-cv-href-thumbnail pt-cv-thumb-default\" target=\"_self\" ><\/a>\n<div class=\"pt-cv-taxoterm above_title\"><a href='https:\/\/www.dmsjuridica.com\/buscador_20179478954\/corteconstitucionalcronologico202454587\/category\/buscar-en-toda-la-corte\/2004\/tutelas-2004\/' title='Tutelas 2004' class='pt-cv-tax-tutelas-2004'>Tutelas 2004<\/a><\/div>\n<h4 class=\"pt-cv-title\"><a href=\"https:\/\/www.dmsjuridica.com\/buscador_20179478954\/corteconstitucionalcronologico202454587\/t-774-04\/\" class=\"_self\" target=\"_self\" >T-774-04<\/a><\/h4>\n<div class=\"pt-cv-content\">\u00a0 \u00a0 Sentencia T-774\/04 \u00a0 ACCION DE TUTELA CONTRA PROVIDENCIAS JUDICIALES-Ajuste terminol\u00f3gico\/VIA DE HECHO-Expresi\u00f3n que se ha reemplazado por la de causales gen\u00e9ricas de procedibilidad de la tutela \u00a0 Antes de pasar a analizar cada uno de los alegatos del accionante en contra de la sentencia del Consejo de Estado que se acusa, la Sala considera pertinente se\u00f1alar que el concepto de v\u00eda de hecho, en el cual se funda la presente acci\u00f3n de tutela, ha evolucionado en la jurisprudencia constitucional. La Corte ha decantado los conceptos de capricho y arbitrariedad judicial, en los que originalmente se fundaba la noci\u00f3n ...<br \/><div class=\"pt-cv-rmwrap\"><a href=\"https:\/\/www.dmsjuridica.com\/buscador_20179478954\/corteconstitucionalcronologico202454587\/t-774-04\/\" class=\"_self pt-cv-readmore btn btn-success\" target=\"_self\">Ver Sentencia Completa...<\/a><\/div><\/div><\/div><\/div>\n<div class=\"col-md-12 col-sm-12 col-xs-12 pt-cv-content-item pt-cv-1-col\" ><div class='pt-cv-ifield'><a href=\"https:\/\/www.dmsjuridica.com\/buscador_20179478954\/corteconstitucionalcronologico202454587\/t-772-04\/\" class=\"_self pt-cv-href-thumbnail pt-cv-thumb-default\" target=\"_self\" ><\/a>\n<div class=\"pt-cv-taxoterm above_title\"><a href='https:\/\/www.dmsjuridica.com\/buscador_20179478954\/corteconstitucionalcronologico202454587\/category\/buscar-en-toda-la-corte\/2004\/tutelas-2004\/' title='Tutelas 2004' class='pt-cv-tax-tutelas-2004'>Tutelas 2004<\/a><\/div>\n<h4 class=\"pt-cv-title\"><a href=\"https:\/\/www.dmsjuridica.com\/buscador_20179478954\/corteconstitucionalcronologico202454587\/t-772-04\/\" class=\"_self\" target=\"_self\" >T-772-04<\/a><\/h4>\n<div class=\"pt-cv-content\">\u00a0 \u00a0 Sentencia T-772\/04 \u00a0 ACCION DE TUTELA-Procedencia excepcional pago de mesadas pensionales \u00a0 Decisiones anteriores de esta Corporaci\u00f3n han fijado reglas jurisprudenciales definidas sobre la procedencia de la acci\u00f3n de tutela para obtener el pago de pensiones de jubilaci\u00f3n. En s\u00edntesis, la Corte ha considerado que, de manera general, el cobro de acreencias laborales, entre ellas las mesadas pensionales, es un conflicto jur\u00eddico que debe resolverse a trav\u00e9s de los procedimientos propios de la jurisdicci\u00f3n laboral. Sin embargo, de conformidad con lo dispuesto en el art\u00edculo 86 de la Carta, la utilizaci\u00f3n excepcional de la acci\u00f3n de tutela en ...<br \/><div class=\"pt-cv-rmwrap\"><a href=\"https:\/\/www.dmsjuridica.com\/buscador_20179478954\/corteconstitucionalcronologico202454587\/t-772-04\/\" class=\"_self pt-cv-readmore btn btn-success\" target=\"_self\">Ver Sentencia Completa...<\/a><\/div><\/div><\/div><\/div>\n<div class=\"col-md-12 col-sm-12 col-xs-12 pt-cv-content-item pt-cv-1-col\" ><div class='pt-cv-ifield'><a href=\"https:\/\/www.dmsjuridica.com\/buscador_20179478954\/corteconstitucionalcronologico202454587\/t-771-04\/\" class=\"_self pt-cv-href-thumbnail pt-cv-thumb-default\" target=\"_self\" ><\/a>\n<div class=\"pt-cv-taxoterm above_title\"><a href='https:\/\/www.dmsjuridica.com\/buscador_20179478954\/corteconstitucionalcronologico202454587\/category\/buscar-en-toda-la-corte\/2004\/tutelas-2004\/' title='Tutelas 2004' class='pt-cv-tax-tutelas-2004'>Tutelas 2004<\/a><\/div>\n<h4 class=\"pt-cv-title\"><a href=\"https:\/\/www.dmsjuridica.com\/buscador_20179478954\/corteconstitucionalcronologico202454587\/t-771-04\/\" class=\"_self\" target=\"_self\" >T-771-04<\/a><\/h4>\n<div class=\"pt-cv-content\">\u00a0 \u00a0 Sentencia T-771\/04 \u00a0 DEBIDO PROCESO ADMINISTRATIVO-Vulneraci\u00f3n por cuanto resoluciones no prestan m\u00e9rito ejecutivo por estar demandadas\/PROCESO ADMINISTRATIVO-Levantamiento de medidas cautelares en proceso contra empresa de energ\u00eda \u00a0 Referencia: expediente T-871534 \u00a0 Acci\u00f3n de tutela instaurada por la Empresa de Energia del Pac\u00edfico S.A. ESP \u2013EPSA S.A.- contra el municipio de DAGUA \u2013Valle del Cauca-. \u00a0 Magistrado Ponente (e): \u00a0 Dr. RODRIGO UPRIMNY YEPES\u00a0 \u00a0 Bogot\u00e1, D.C., trece (13) de agosto dos mil cuatro (2004).\u00a0 \u00a0 La Sala S\u00e9ptima de Revisi\u00f3n de la Corte Constitucional, integrada por los Magistrados Rodrigo Uprimny Yepes, \u00c1lvaro Tafur Galvis y Clara In\u00e9s Vargas ...<br \/><div class=\"pt-cv-rmwrap\"><a href=\"https:\/\/www.dmsjuridica.com\/buscador_20179478954\/corteconstitucionalcronologico202454587\/t-771-04\/\" class=\"_self pt-cv-readmore btn btn-success\" target=\"_self\">Ver Sentencia Completa...<\/a><\/div><\/div><\/div><\/div>\n<div class=\"col-md-12 col-sm-12 col-xs-12 pt-cv-content-item pt-cv-1-col\" ><div class='pt-cv-ifield'><a href=\"https:\/\/www.dmsjuridica.com\/buscador_20179478954\/corteconstitucionalcronologico202454587\/t-770-04\/\" class=\"_self pt-cv-href-thumbnail pt-cv-thumb-default\" target=\"_self\" ><\/a>\n<div class=\"pt-cv-taxoterm above_title\"><a href='https:\/\/www.dmsjuridica.com\/buscador_20179478954\/corteconstitucionalcronologico202454587\/category\/buscar-en-toda-la-corte\/2004\/tutelas-2004\/' title='Tutelas 2004' class='pt-cv-tax-tutelas-2004'>Tutelas 2004<\/a><\/div>\n<h4 class=\"pt-cv-title\"><a href=\"https:\/\/www.dmsjuridica.com\/buscador_20179478954\/corteconstitucionalcronologico202454587\/t-770-04\/\" class=\"_self\" target=\"_self\" >T-770-04<\/a><\/h4>\n<div class=\"pt-cv-content\">\u00a0 \u00a0 Sentencia T-770\/04 \u00a0 DESPLAZAMIENTO INTERNO-Problem\u00e1tica social \u00a0 El desplazamiento interno, qu\u00e9 duda cabe, es uno de los problemas m\u00e1s dif\u00edciles que ha afrontado nuestro pa\u00eds a lo largo de su historia. La salida intempestiva de millones de colombianos de los lugares en los que, a lo largo de d\u00e9cadas, han forjado su vida para huir de la violencia que amenaza con aniquilarlos, los obliga a deambular por las grandes ciudades, al acecho de una ayuda que casi nunca llega. Sus condiciones de vida se deterioran dram\u00e1ticamente y todos sus derechos fundamentales se ven comprometidos. De all\u00ed que esa ...<br \/><div class=\"pt-cv-rmwrap\"><a href=\"https:\/\/www.dmsjuridica.com\/buscador_20179478954\/corteconstitucionalcronologico202454587\/t-770-04\/\" class=\"_self pt-cv-readmore btn btn-success\" target=\"_self\">Ver Sentencia Completa...<\/a><\/div><\/div><\/div><\/div>\n<div class=\"col-md-12 col-sm-12 col-xs-12 pt-cv-content-item pt-cv-1-col\" ><div class='pt-cv-ifield'><a href=\"https:\/\/www.dmsjuridica.com\/buscador_20179478954\/corteconstitucionalcronologico202454587\/t-769-04\/\" class=\"_self pt-cv-href-thumbnail pt-cv-thumb-default\" target=\"_self\" ><\/a>\n<div class=\"pt-cv-taxoterm above_title\"><a href='https:\/\/www.dmsjuridica.com\/buscador_20179478954\/corteconstitucionalcronologico202454587\/category\/buscar-en-toda-la-corte\/2004\/tutelas-2004\/' title='Tutelas 2004' class='pt-cv-tax-tutelas-2004'>Tutelas 2004<\/a><\/div>\n<h4 class=\"pt-cv-title\"><a href=\"https:\/\/www.dmsjuridica.com\/buscador_20179478954\/corteconstitucionalcronologico202454587\/t-769-04\/\" class=\"_self\" target=\"_self\" >T-769-04<\/a><\/h4>\n<div class=\"pt-cv-content\">\u00a0 \u00a0 Sentencia T-769\/04 \u00a0 ACTO DE INCLUSION EN NOMINA EN SUSTITUCION PENSIONAL \u00a0 Encuentra esta Sala razones suficientes para revocar el fallo de instancia y en su lugar conceder la protecci\u00f3n de los derechos fundamentales vulnerados al pago oportuno de la pensi\u00f3n de sustituci\u00f3n, petici\u00f3n y debido proceso a la accionante. En consecuencia esta Sala dar\u00e1 la orden para que la accionante sea incluida en la n\u00f3mina del Instituto de Seguros Sociales de Santa Marta. \u00a0 ACCION DE TUTELA-Pago de mesadas atrasadas s\u00f3lo excepcionalmente por avanzada edad o grave estado de salud \u00a0 Sin embargo, la orden de tutela ...<br \/><div class=\"pt-cv-rmwrap\"><a href=\"https:\/\/www.dmsjuridica.com\/buscador_20179478954\/corteconstitucionalcronologico202454587\/t-769-04\/\" class=\"_self pt-cv-readmore btn btn-success\" target=\"_self\">Ver Sentencia Completa...<\/a><\/div><\/div><\/div><\/div>\n<div class=\"col-md-12 col-sm-12 col-xs-12 pt-cv-content-item pt-cv-1-col\" ><div class='pt-cv-ifield'><a href=\"https:\/\/www.dmsjuridica.com\/buscador_20179478954\/corteconstitucionalcronologico202454587\/t-768-04\/\" class=\"_self pt-cv-href-thumbnail pt-cv-thumb-default\" target=\"_self\" ><\/a>\n<div class=\"pt-cv-taxoterm above_title\"><a href='https:\/\/www.dmsjuridica.com\/buscador_20179478954\/corteconstitucionalcronologico202454587\/category\/buscar-en-toda-la-corte\/2004\/tutelas-2004\/' title='Tutelas 2004' class='pt-cv-tax-tutelas-2004'>Tutelas 2004<\/a><\/div>\n<h4 class=\"pt-cv-title\"><a href=\"https:\/\/www.dmsjuridica.com\/buscador_20179478954\/corteconstitucionalcronologico202454587\/t-768-04\/\" class=\"_self\" target=\"_self\" >T-768-04<\/a><\/h4>\n<div class=\"pt-cv-content\">\u00a0 \u00a0 Sentencia T-768\/04 \u00a0 DERECHO DE PETICION EN MATERIA PENSIONAL-T\u00e9rminos \u00a0 La entidad accionada cuenta i) con un t\u00e9rmino de 15 d\u00edas para resolver recursos de impugnaci\u00f3n (aqu\u00ed apelaci\u00f3n); ii) con igual t\u00e9rmino, para informar al solicitante de la reliquidaci\u00f3n, si la documentaci\u00f3n allegada est\u00e1 completa para iniciar el tr\u00e1mite de reliquidaci\u00f3n y el t\u00e9rmino que emplear\u00e1 para resolver de fondo y iii) de acuerdo con lo dispuesto en el art\u00edculo 4\u00b0 de la Ley 700 de 2001, cuenta con seis (6) meses para resolver de fondo las solicitudes de reliquidaci\u00f3n pensional dentro de los siguientes a la fecha ...<br \/><div class=\"pt-cv-rmwrap\"><a href=\"https:\/\/www.dmsjuridica.com\/buscador_20179478954\/corteconstitucionalcronologico202454587\/t-768-04\/\" class=\"_self pt-cv-readmore btn btn-success\" target=\"_self\">Ver Sentencia Completa...<\/a><\/div><\/div><\/div><\/div>\n<div class=\"col-md-12 col-sm-12 col-xs-12 pt-cv-content-item pt-cv-1-col\" ><div class='pt-cv-ifield'><a href=\"https:\/\/www.dmsjuridica.com\/buscador_20179478954\/corteconstitucionalcronologico202454587\/t-767-04\/\" class=\"_self pt-cv-href-thumbnail pt-cv-thumb-default\" target=\"_self\" ><\/a>\n<div class=\"pt-cv-taxoterm above_title\"><a href='https:\/\/www.dmsjuridica.com\/buscador_20179478954\/corteconstitucionalcronologico202454587\/category\/buscar-en-toda-la-corte\/2004\/tutelas-2004\/' title='Tutelas 2004' class='pt-cv-tax-tutelas-2004'>Tutelas 2004<\/a><\/div>\n<h4 class=\"pt-cv-title\"><a href=\"https:\/\/www.dmsjuridica.com\/buscador_20179478954\/corteconstitucionalcronologico202454587\/t-767-04\/\" class=\"_self\" target=\"_self\" >T-767-04<\/a><\/h4>\n<div class=\"pt-cv-content\">\u00a0 \u00a0 Sentencia T-767\/04 \u00a0 AGENCIA OFICIOSA EN TUTELA-Hijo en representaci\u00f3n de padre privado de la libertad\/AGENCIA OFICIOSA EN TUTELA-Debe mediar prueba de la incapacidad para ejercer la propia defensa \u00a0 El accionante pretende agenciar los derechos de su padre, quien se encuentra privado de la libertad, pero no expone las circunstancias que le permitir\u00edan hacerlo, adem\u00e1s la actuaci\u00f3n desplegada dentro de la causa que se le sigue por los delitos que lo mantienen privado de la libertad, demuestra que no requiere contar con un tercero, sin poder para representarlo, para hacer valer sus derechos e intereses. Podr\u00eda aducirse, sin ...<br \/><div class=\"pt-cv-rmwrap\"><a href=\"https:\/\/www.dmsjuridica.com\/buscador_20179478954\/corteconstitucionalcronologico202454587\/t-767-04\/\" class=\"_self pt-cv-readmore btn btn-success\" target=\"_self\">Ver Sentencia Completa...<\/a><\/div><\/div><\/div><\/div>\n<div class=\"col-md-12 col-sm-12 col-xs-12 pt-cv-content-item pt-cv-1-col\" ><div class='pt-cv-ifield'><a href=\"https:\/\/www.dmsjuridica.com\/buscador_20179478954\/corteconstitucionalcronologico202454587\/t-766-04\/\" class=\"_self pt-cv-href-thumbnail pt-cv-thumb-default\" target=\"_self\" ><\/a>\n<div class=\"pt-cv-taxoterm above_title\"><a href='https:\/\/www.dmsjuridica.com\/buscador_20179478954\/corteconstitucionalcronologico202454587\/category\/buscar-en-toda-la-corte\/2004\/tutelas-2004\/' title='Tutelas 2004' class='pt-cv-tax-tutelas-2004'>Tutelas 2004<\/a><\/div>\n<h4 class=\"pt-cv-title\"><a href=\"https:\/\/www.dmsjuridica.com\/buscador_20179478954\/corteconstitucionalcronologico202454587\/t-766-04\/\" class=\"_self\" target=\"_self\" >T-766-04<\/a><\/h4>\n<div class=\"pt-cv-content\">\u00a0 \u00a0 Sentencia T-766\/04 \u00a0 DERECHO A LA SALUD DE DISCAPACITADO MENTAL-Por ser mayor de edad fue excluida como beneficiaria de su padre\/SISTEMA DE SEGURIDAD SOCIAL EN SALUD-La calidad de beneficiario debe ser establecida en cada caso\/MADRE SOLTERA-No ha constituido n\u00facleo familiar independiente\/NASCITURUS-Protecci\u00f3n \u00a0 En consecuencia, y aunque en el expediente no se haga menci\u00f3n alguna sobre el supuesto padre del hijo que espera Karen Margarita, la presunci\u00f3n hecha por el Seguro Social, al considerar que en raz\u00f3n a su estado de embarazo, ella debe pertenecer a otro grupo familiar queda totalmente desvirtuada y no puede servir de fundamento para ...<br \/><div class=\"pt-cv-rmwrap\"><a href=\"https:\/\/www.dmsjuridica.com\/buscador_20179478954\/corteconstitucionalcronologico202454587\/t-766-04\/\" class=\"_self pt-cv-readmore btn btn-success\" target=\"_self\">Ver Sentencia Completa...<\/a><\/div><\/div><\/div><\/div>\n<div class=\"col-md-12 col-sm-12 col-xs-12 pt-cv-content-item pt-cv-1-col\" ><div class='pt-cv-ifield'><a href=\"https:\/\/www.dmsjuridica.com\/buscador_20179478954\/corteconstitucionalcronologico202454587\/t-765-04\/\" class=\"_self pt-cv-href-thumbnail pt-cv-thumb-default\" target=\"_self\" ><\/a>\n<div class=\"pt-cv-taxoterm above_title\"><a href='https:\/\/www.dmsjuridica.com\/buscador_20179478954\/corteconstitucionalcronologico202454587\/category\/buscar-en-toda-la-corte\/2004\/tutelas-2004\/' title='Tutelas 2004' class='pt-cv-tax-tutelas-2004'>Tutelas 2004<\/a><\/div>\n<h4 class=\"pt-cv-title\"><a href=\"https:\/\/www.dmsjuridica.com\/buscador_20179478954\/corteconstitucionalcronologico202454587\/t-765-04\/\" class=\"_self\" target=\"_self\" >T-765-04<\/a><\/h4>\n<div class=\"pt-cv-content\">\u00a0 \u00a0 Sentencia T-765\/04 \u00a0 DERECHO A LA SALUD DEL MENOR-Entrega de medicamento \u00a0 Referencia: expediente T-920752 \u00a0 Acci\u00f3n de tutela instaurada por Mar\u00eda Mireya Melo Melo actuando como agente oficiosa del menor Bryan Camilo Mayag Melo contra el Instituto Departamental de Salud de Nari\u00f1o. \u00a0 \u00a0 \u00a0 Magistrado Ponente: \u00a0 Dr. JAIME ARA\u00daJO RENTER\u00cdA \u00a0 Bogot\u00e1, D. C., once (11) de agosto de dos mil cuatro (2004). \u00a0 La Sala Primera de Revisi\u00f3n de la Corte Constitucional, integrada por los Magistrados ALFREDO BELTRAN SIERRA, MANUEL JOSE CEPEDA ESPINOSA y JAIME ARA\u00daJO RENTER\u00cdA, en ejercicio de sus competencias constitucionales y ...<br \/><div class=\"pt-cv-rmwrap\"><a href=\"https:\/\/www.dmsjuridica.com\/buscador_20179478954\/corteconstitucionalcronologico202454587\/t-765-04\/\" class=\"_self pt-cv-readmore btn btn-success\" target=\"_self\">Ver Sentencia Completa...<\/a><\/div><\/div><\/div><\/div>\n<div class=\"col-md-12 col-sm-12 col-xs-12 pt-cv-content-item pt-cv-1-col\" ><div class='pt-cv-ifield'><a href=\"https:\/\/www.dmsjuridica.com\/buscador_20179478954\/corteconstitucionalcronologico202454587\/t-764-04\/\" class=\"_self pt-cv-href-thumbnail pt-cv-thumb-default\" target=\"_self\" ><\/a>\n<div class=\"pt-cv-taxoterm above_title\"><a href='https:\/\/www.dmsjuridica.com\/buscador_20179478954\/corteconstitucionalcronologico202454587\/category\/buscar-en-toda-la-corte\/2004\/tutelas-2004\/' title='Tutelas 2004' class='pt-cv-tax-tutelas-2004'>Tutelas 2004<\/a><\/div>\n<h4 class=\"pt-cv-title\"><a href=\"https:\/\/www.dmsjuridica.com\/buscador_20179478954\/corteconstitucionalcronologico202454587\/t-764-04\/\" class=\"_self\" target=\"_self\" >T-764-04<\/a><\/h4>\n<div class=\"pt-cv-content\">\u00a0 \u00a0 Sentencia T-764\/04 \u00a0 DERECHO A LA SALUD-No pr\u00e1ctica de examen de columna por no tener carnet de SISBEN \u00a0 DERECHO A LA SALUD-No pr\u00e1ctica de examen de columna por no pago de cuota de recuperaci\u00f3n \u00a0 REGIMEN SUBSIDIADO DE SEGURIDAD SOCIAL EN SALUD-Participantes vinculados \u00a0 SISBEN-No tener el carnet no puede impedir acceder a servicios de salud \u00a0 La falta de presentaci\u00f3n del carn\u00e9 que acredite a la demandante como beneficiaria del Sisben, no es \u00f3bice para la no realizaci\u00f3n de la radiograf\u00eda que requiere, bastar\u00e1 que la paciente muestre a la Secretar\u00eda de Salud Departamental del Huila ...<br \/><div class=\"pt-cv-rmwrap\"><a href=\"https:\/\/www.dmsjuridica.com\/buscador_20179478954\/corteconstitucionalcronologico202454587\/t-764-04\/\" class=\"_self pt-cv-readmore btn btn-success\" target=\"_self\">Ver Sentencia Completa...<\/a><\/div><\/div><\/div><\/div>\n<div class=\"col-md-12 col-sm-12 col-xs-12 pt-cv-content-item pt-cv-1-col\" ><div class='pt-cv-ifield'><a href=\"https:\/\/www.dmsjuridica.com\/buscador_20179478954\/corteconstitucionalcronologico202454587\/t-763-04\/\" class=\"_self pt-cv-href-thumbnail pt-cv-thumb-default\" target=\"_self\" ><\/a>\n<div class=\"pt-cv-taxoterm above_title\"><a href='https:\/\/www.dmsjuridica.com\/buscador_20179478954\/corteconstitucionalcronologico202454587\/category\/buscar-en-toda-la-corte\/2004\/tutelas-2004\/' title='Tutelas 2004' class='pt-cv-tax-tutelas-2004'>Tutelas 2004<\/a><\/div>\n<h4 class=\"pt-cv-title\"><a href=\"https:\/\/www.dmsjuridica.com\/buscador_20179478954\/corteconstitucionalcronologico202454587\/t-763-04\/\" class=\"_self\" target=\"_self\" >T-763-04<\/a><\/h4>\n<div class=\"pt-cv-content\">ACCION DE TUTELA-Hecho superado por prestaci\u00f3n de servicios a trav\u00e9s de la ARS \u00a0 Referencia: expediente T-869071 \u00a0 Acci\u00f3n de tutela instaurada por Argiro Vanegas S\u00e1nchez contra la Direcci\u00f3n Seccional de Salud de Antioquia. \u00a0 Magistrado Ponente: \u00a0 Dr. JAIME ARA\u00d9JO RENTER\u00ccA\u00a0 \u00a0 Bogot\u00e1, D. C., (11) de agosto de dos mil cuatro (2004). \u00a0 La Sala Primera de revisi\u00f3n de la Corte Constitucional, conformada por los magistrados JAIME ARA\u00daJO RENTER\u00cdA, ALFREDO BELTR\u00c1N SIERRA y MANUEL JOSE CEPEDA ESPINOSA, dicta la siguiente \u00a0\u00a0 \u00a0 SENTENCIA \u00a0 \u00a0 I. ANTECEDENTES \u00a0 HECHOS Y PRETENSIONES \u00a0 Manifiesta el accionante que tiene 30 ...<br \/><div class=\"pt-cv-rmwrap\"><a href=\"https:\/\/www.dmsjuridica.com\/buscador_20179478954\/corteconstitucionalcronologico202454587\/t-763-04\/\" class=\"_self pt-cv-readmore btn btn-success\" target=\"_self\">Ver Sentencia Completa...<\/a><\/div><\/div><\/div><\/div>\n<div class=\"col-md-12 col-sm-12 col-xs-12 pt-cv-content-item pt-cv-1-col\" ><div class='pt-cv-ifield'><a href=\"https:\/\/www.dmsjuridica.com\/buscador_20179478954\/corteconstitucionalcronologico202454587\/t-762-04\/\" class=\"_self pt-cv-href-thumbnail pt-cv-thumb-default\" target=\"_self\" ><\/a>\n<div class=\"pt-cv-taxoterm above_title\"><a href='https:\/\/www.dmsjuridica.com\/buscador_20179478954\/corteconstitucionalcronologico202454587\/category\/buscar-en-toda-la-corte\/2004\/tutelas-2004\/' title='Tutelas 2004' class='pt-cv-tax-tutelas-2004'>Tutelas 2004<\/a><\/div>\n<h4 class=\"pt-cv-title\"><a href=\"https:\/\/www.dmsjuridica.com\/buscador_20179478954\/corteconstitucionalcronologico202454587\/t-762-04\/\" class=\"_self\" target=\"_self\" >T-762-04<\/a><\/h4>\n<div class=\"pt-cv-content\">\u00a0 \u00a0 Sentencia T-762\/04 \u00a0 DERECHO A LA SALUD DEL MENOR-Escogencia del tratamiento m\u00e9dico \u00a0 La anterior l\u00ednea jurisprudencial est\u00e1 orientada a definir que no es al juez constitucional a quien corresponde escoger el tratamiento m\u00e9dico que debe ser practicado al paciente. Sin embargo, la Corte tambi\u00e9n ha tenido ocasi\u00f3n de estudiar el caso en donde dada la incertidumbre acerca de cu\u00e1l de los posibles procedimientos m\u00e9dicos resulta m\u00e1s adecuado ante las circunstancias del paciente, aunque no le corresponde al juez escoger el tratamiento s\u00ed debe en cambio cerciorase de que las entidades hayan cumplido las garant\u00edas constitucionales m\u00ednimas, de ...<br \/><div class=\"pt-cv-rmwrap\"><a href=\"https:\/\/www.dmsjuridica.com\/buscador_20179478954\/corteconstitucionalcronologico202454587\/t-762-04\/\" class=\"_self pt-cv-readmore btn btn-success\" target=\"_self\">Ver Sentencia Completa...<\/a><\/div><\/div><\/div><\/div>\n<div class=\"col-md-12 col-sm-12 col-xs-12 pt-cv-content-item pt-cv-1-col\" ><div class='pt-cv-ifield'><a href=\"https:\/\/www.dmsjuridica.com\/buscador_20179478954\/corteconstitucionalcronologico202454587\/t-761-04\/\" class=\"_self pt-cv-href-thumbnail pt-cv-thumb-default\" target=\"_self\" ><\/a>\n<div class=\"pt-cv-taxoterm above_title\"><a href='https:\/\/www.dmsjuridica.com\/buscador_20179478954\/corteconstitucionalcronologico202454587\/category\/buscar-en-toda-la-corte\/2004\/tutelas-2004\/' title='Tutelas 2004' class='pt-cv-tax-tutelas-2004'>Tutelas 2004<\/a><\/div>\n<h4 class=\"pt-cv-title\"><a href=\"https:\/\/www.dmsjuridica.com\/buscador_20179478954\/corteconstitucionalcronologico202454587\/t-761-04\/\" class=\"_self\" target=\"_self\" >T-761-04<\/a><\/h4>\n<div class=\"pt-cv-content\">\u00a0 \u00a0 Sentencia T-761\/04 \u00a0 INDEFENSION-Casos en que se presenta \u00a0 Existe indefensi\u00f3n cuando, afloran otros supuestos tales como: la imposibilidad del particular de satisfacer una necesidad b\u00e1sica o vital, por la forma irracional, irrazonable y desproporcionada como otro particular activa o pasivamente ejerce una posici\u00f3n o un derecho del que es titular; la existencia de un v\u00ednculo afectivo, moral, social o contractual, que facilite la ejecuci\u00f3n de acciones u omisiones que resulten lesivas de derechos fundamentales de una de las partes como en la relaci\u00f3n entre padres e hijos, entre c\u00f3nyuges, entre copropietarios, entre socios, etc; el uso de ...<br \/><div class=\"pt-cv-rmwrap\"><a href=\"https:\/\/www.dmsjuridica.com\/buscador_20179478954\/corteconstitucionalcronologico202454587\/t-761-04\/\" class=\"_self pt-cv-readmore btn btn-success\" target=\"_self\">Ver Sentencia Completa...<\/a><\/div><\/div><\/div><\/div>\n<div class=\"col-md-12 col-sm-12 col-xs-12 pt-cv-content-item pt-cv-1-col\" ><div class='pt-cv-ifield'><a href=\"https:\/\/www.dmsjuridica.com\/buscador_20179478954\/corteconstitucionalcronologico202454587\/t-752-04\/\" class=\"_self pt-cv-href-thumbnail pt-cv-thumb-default\" target=\"_self\" ><\/a>\n<div class=\"pt-cv-taxoterm above_title\"><a href='https:\/\/www.dmsjuridica.com\/buscador_20179478954\/corteconstitucionalcronologico202454587\/category\/buscar-en-toda-la-corte\/2004\/tutelas-2004\/' title='Tutelas 2004' class='pt-cv-tax-tutelas-2004'>Tutelas 2004<\/a><\/div>\n<h4 class=\"pt-cv-title\"><a href=\"https:\/\/www.dmsjuridica.com\/buscador_20179478954\/corteconstitucionalcronologico202454587\/t-752-04\/\" class=\"_self\" target=\"_self\" >T-752-04<\/a><\/h4>\n<div class=\"pt-cv-content\">\u00a0 \u00a0 Sentencia T-752\/04 \u00a0 PLAN OBLIGATORIO DE SALUD-Exclusi\u00f3n de tratamientos y requisitos para que suministro se ordene por tutela \u00a0 ACCION DE TUTELA-Improcedencia por contar los padres con capacidad econ\u00f3mica para cubrir los ex\u00e1menes y medicamentos excluidos del POS\/CAPACIDAD ECONOMICA DE PADRES DE MENOR-Prueba \u00a0 La accionante no controvirti\u00f3 el resultado procesal alcanzado por el juez de instancia que sostuvo en su fallo que s\u00ed exist\u00eda en cabeza de los padres del menor Samuel Arturo Regalado la solvencia suficiente para comprar los medicamentos que se pretend\u00edan por tutela y no prosigui\u00f3 con el correspondiente debate probatorio para lograr lo ...<br \/><div class=\"pt-cv-rmwrap\"><a href=\"https:\/\/www.dmsjuridica.com\/buscador_20179478954\/corteconstitucionalcronologico202454587\/t-752-04\/\" class=\"_self pt-cv-readmore btn btn-success\" target=\"_self\">Ver Sentencia Completa...<\/a><\/div><\/div><\/div><\/div>\n<div class=\"col-md-12 col-sm-12 col-xs-12 pt-cv-content-item pt-cv-1-col\" ><div class='pt-cv-ifield'><a href=\"https:\/\/www.dmsjuridica.com\/buscador_20179478954\/corteconstitucionalcronologico202454587\/t-751-04\/\" class=\"_self pt-cv-href-thumbnail pt-cv-thumb-default\" target=\"_self\" ><\/a>\n<div class=\"pt-cv-taxoterm above_title\"><a href='https:\/\/www.dmsjuridica.com\/buscador_20179478954\/corteconstitucionalcronologico202454587\/category\/buscar-en-toda-la-corte\/2004\/tutelas-2004\/' title='Tutelas 2004' class='pt-cv-tax-tutelas-2004'>Tutelas 2004<\/a><\/div>\n<h4 class=\"pt-cv-title\"><a href=\"https:\/\/www.dmsjuridica.com\/buscador_20179478954\/corteconstitucionalcronologico202454587\/t-751-04\/\" class=\"_self\" target=\"_self\" >T-751-04<\/a><\/h4>\n<div class=\"pt-cv-content\">\u00a0 \u00a0 Sentencia T-751\/04 \u00a0 ACCION DE TUTELA CONTRA PROVIDENCIAS JUDICIALES-Car\u00e1cter excepcional \u00a0 ACCION DE TUTELA CONTRA PROVIDENCIAS JUDICIALES-Procedencia excepcional por v\u00eda de hecho judicial \u00a0 VIA DE HECHO-Clases de defectos en la actuaci\u00f3n\/ACCION DE TUTELA CONTRA PROVIDENCIAS JUDICIALES-Requisitos sustanciales para la procedencia \u00a0 VIA DE HECHO-Causales adicionales para su procedencia \u00a0 No s\u00f3lo las fallas judiciales que devienen de una voluntaria desviaci\u00f3n de los preceptos legales y constitucionales por parte de un juez, pueden resultar en una \u201cv\u00eda de hecho\u201d. Quien administra justicia puede desviarse de los derroteros anteriormente anotados cuando, sin que medie voluntad alguna de hacerlo, sin ...<br \/><div class=\"pt-cv-rmwrap\"><a href=\"https:\/\/www.dmsjuridica.com\/buscador_20179478954\/corteconstitucionalcronologico202454587\/t-751-04\/\" class=\"_self pt-cv-readmore btn btn-success\" target=\"_self\">Ver Sentencia Completa...<\/a><\/div><\/div><\/div><\/div>\n<div class=\"col-md-12 col-sm-12 col-xs-12 pt-cv-content-item pt-cv-1-col\" ><div class='pt-cv-ifield'><a href=\"https:\/\/www.dmsjuridica.com\/buscador_20179478954\/corteconstitucionalcronologico202454587\/t-750-04\/\" class=\"_self pt-cv-href-thumbnail pt-cv-thumb-default\" target=\"_self\" ><\/a>\n<div class=\"pt-cv-taxoterm above_title\"><a href='https:\/\/www.dmsjuridica.com\/buscador_20179478954\/corteconstitucionalcronologico202454587\/category\/buscar-en-toda-la-corte\/2004\/tutelas-2004\/' title='Tutelas 2004' class='pt-cv-tax-tutelas-2004'>Tutelas 2004<\/a><\/div>\n<h4 class=\"pt-cv-title\"><a href=\"https:\/\/www.dmsjuridica.com\/buscador_20179478954\/corteconstitucionalcronologico202454587\/t-750-04\/\" class=\"_self\" target=\"_self\" >T-750-04<\/a><\/h4>\n<div class=\"pt-cv-content\">\u00a0 \u00a0 Sentencia T-750\/04 \u00a0 DERECHO A LA SALUD DEL MENOR-Entrega de insumos por parte de ARS para tratamiento renal \u00a0 DERECHO A LA SALUD-Casos en que la jurisdicci\u00f3n constitucional adquiere competencia para dirimir asunto relacionado con atenci\u00f3n m\u00e9dica \u00a0 La Sala insiste en que los jueces no est\u00e1n legitimados para dirimir este tipo de controversias propias del campo m\u00e9dico. Sin embargo, esta restricci\u00f3n no anula completamente la intervenci\u00f3n judicial respecto a las decisiones sobre la atenci\u00f3n m\u00e9dica. En efecto, la jurisdicci\u00f3n constitucional adquiere competencia para dirimir un asunto relacionado con la atenci\u00f3n m\u00e9dica cuando (i) la actuaci\u00f3n de una ...<br \/><div class=\"pt-cv-rmwrap\"><a href=\"https:\/\/www.dmsjuridica.com\/buscador_20179478954\/corteconstitucionalcronologico202454587\/t-750-04\/\" class=\"_self pt-cv-readmore btn btn-success\" target=\"_self\">Ver Sentencia Completa...<\/a><\/div><\/div><\/div><\/div>\n<div class=\"col-md-12 col-sm-12 col-xs-12 pt-cv-content-item pt-cv-1-col\" ><div class='pt-cv-ifield'><a href=\"https:\/\/www.dmsjuridica.com\/buscador_20179478954\/corteconstitucionalcronologico202454587\/t-749-04\/\" class=\"_self pt-cv-href-thumbnail pt-cv-thumb-default\" target=\"_self\" ><\/a>\n<div class=\"pt-cv-taxoterm above_title\"><a href='https:\/\/www.dmsjuridica.com\/buscador_20179478954\/corteconstitucionalcronologico202454587\/category\/buscar-en-toda-la-corte\/2004\/tutelas-2004\/' title='Tutelas 2004' class='pt-cv-tax-tutelas-2004'>Tutelas 2004<\/a><\/div>\n<h4 class=\"pt-cv-title\"><a href=\"https:\/\/www.dmsjuridica.com\/buscador_20179478954\/corteconstitucionalcronologico202454587\/t-749-04\/\" class=\"_self\" target=\"_self\" >T-749-04<\/a><\/h4>\n<div class=\"pt-cv-content\">\u00a0 \u00a0 Sentencia T-749\/04 \u00a0 DEBIDO PROCESO DE PERSONA JURIDICA \u00a0 ACCION DE TUTELA CONTRA PROVIDENCIAS JUDICIALES-Requisitos generales y especiales de procedibilidad \u00a0 La acci\u00f3n de tutela resulta procedente frente a una decisi\u00f3n judicial que conculque derechos fundamentales, cuando se cumplan los requisitos de procedibilidad, generales y los especiales necesarios para que la acci\u00f3n pueda ser v\u00e1lidamente conocida por el juez de tutela. Los primeros requisitos, es decir, aquellos de procedibilidad generales, exigen para que sea viable la acci\u00f3n de tutela contra la providencia cuestionada: a) que no exista otro u otros medios de defensa judiciales (recursos ordinarios o extraordinarios) ...<br \/><div class=\"pt-cv-rmwrap\"><a href=\"https:\/\/www.dmsjuridica.com\/buscador_20179478954\/corteconstitucionalcronologico202454587\/t-749-04\/\" class=\"_self pt-cv-readmore btn btn-success\" target=\"_self\">Ver Sentencia Completa...<\/a><\/div><\/div><\/div><\/div>\n<div class=\"col-md-12 col-sm-12 col-xs-12 pt-cv-content-item pt-cv-1-col\" ><div class='pt-cv-ifield'><a href=\"https:\/\/www.dmsjuridica.com\/buscador_20179478954\/corteconstitucionalcronologico202454587\/t-748-04\/\" class=\"_self pt-cv-href-thumbnail pt-cv-thumb-default\" target=\"_self\" ><\/a>\n<div class=\"pt-cv-taxoterm above_title\"><a href='https:\/\/www.dmsjuridica.com\/buscador_20179478954\/corteconstitucionalcronologico202454587\/category\/buscar-en-toda-la-corte\/2004\/tutelas-2004\/' title='Tutelas 2004' class='pt-cv-tax-tutelas-2004'>Tutelas 2004<\/a><\/div>\n<h4 class=\"pt-cv-title\"><a href=\"https:\/\/www.dmsjuridica.com\/buscador_20179478954\/corteconstitucionalcronologico202454587\/t-748-04\/\" class=\"_self\" target=\"_self\" >T-748-04<\/a><\/h4>\n<div class=\"pt-cv-content\">\u00a0 \u00a0 Sentencia T-748\/04 \u00a0 DERECHO A LA SALUD-Fundamental por conexidad con la vida \u00a0 DERECHO A LA SALUD DE PERSONA DE LA TERCERA EDAD-Entrega de medicamento exclu\u00eddo \u00a0 INCAPACIDAD ECONOMICA-Prueba \u00a0 Referencia: expediente T-884089 \u00a0 Accionante: Victoria Soleno de Casta\u00f1o \u00a0 Demandado: Coomeva E.P.S. \u00a0 Magistrado Ponente:\u00a0 \u00a0 Dr. RODRIGO ESCOBAR GIL \u00a0 Bogot\u00e1, D. C., \u00a0seis (6) de agosto de dos mil cuatro (2004). \u00a0 La Sala Quinta de Revisi\u00f3n de la Corte Constitucional, integrada por los Magistrados Rodrigo Escobar Gil - Presidente -, Marco Gerardo Monroy Cabra y Rodrigo Uprimny Yepes (E), en ejercicio de sus competencias ...<br \/><div class=\"pt-cv-rmwrap\"><a href=\"https:\/\/www.dmsjuridica.com\/buscador_20179478954\/corteconstitucionalcronologico202454587\/t-748-04\/\" class=\"_self pt-cv-readmore btn btn-success\" target=\"_self\">Ver Sentencia Completa...<\/a><\/div><\/div><\/div><\/div>\n<div class=\"col-md-12 col-sm-12 col-xs-12 pt-cv-content-item pt-cv-1-col\" ><div class='pt-cv-ifield'><a href=\"https:\/\/www.dmsjuridica.com\/buscador_20179478954\/corteconstitucionalcronologico202454587\/t-747-04\/\" class=\"_self pt-cv-href-thumbnail pt-cv-thumb-default\" target=\"_self\" ><\/a>\n<div class=\"pt-cv-taxoterm above_title\"><a href='https:\/\/www.dmsjuridica.com\/buscador_20179478954\/corteconstitucionalcronologico202454587\/category\/buscar-en-toda-la-corte\/2004\/tutelas-2004\/' title='Tutelas 2004' class='pt-cv-tax-tutelas-2004'>Tutelas 2004<\/a><\/div>\n<h4 class=\"pt-cv-title\"><a href=\"https:\/\/www.dmsjuridica.com\/buscador_20179478954\/corteconstitucionalcronologico202454587\/t-747-04\/\" class=\"_self\" target=\"_self\" >T-747-04<\/a><\/h4>\n<div class=\"pt-cv-content\">\u00a0 \u00a0 Sentencia T-747\/04 \u00a0 DERECHO DE PETICION-Reconocimiento de pensiones \u00a0 En relaci\u00f3n con el derecho de petici\u00f3n relacionado con el reconocimiento o pago de pensiones, la jurisprudencia de esta Corte ha establecido que (i) la falta de respuesta de la entidad responsable, (ii) la resoluci\u00f3n de la cuesti\u00f3n mediante una respuesta que no sea oportuna, o (iii) que no haya sido expedida dentro de un plazo razonable, (iv) que no resuelva de fondo la cuesti\u00f3n, (v) que no sea clara, ni precisa ni congruente con lo solicitado, o (vi) que no sea notificada al peticionario, vulnera el derecho de ...<br \/><div class=\"pt-cv-rmwrap\"><a href=\"https:\/\/www.dmsjuridica.com\/buscador_20179478954\/corteconstitucionalcronologico202454587\/t-747-04\/\" class=\"_self pt-cv-readmore btn btn-success\" target=\"_self\">Ver Sentencia Completa...<\/a><\/div><\/div><\/div><\/div>\n<div class=\"col-md-12 col-sm-12 col-xs-12 pt-cv-content-item pt-cv-1-col\" ><div class='pt-cv-ifield'><a href=\"https:\/\/www.dmsjuridica.com\/buscador_20179478954\/corteconstitucionalcronologico202454587\/t-746-04\/\" class=\"_self pt-cv-href-thumbnail pt-cv-thumb-default\" target=\"_self\" ><\/a>\n<div class=\"pt-cv-taxoterm above_title\"><a href='https:\/\/www.dmsjuridica.com\/buscador_20179478954\/corteconstitucionalcronologico202454587\/category\/buscar-en-toda-la-corte\/2004\/tutelas-2004\/' title='Tutelas 2004' class='pt-cv-tax-tutelas-2004'>Tutelas 2004<\/a><\/div>\n<h4 class=\"pt-cv-title\"><a href=\"https:\/\/www.dmsjuridica.com\/buscador_20179478954\/corteconstitucionalcronologico202454587\/t-746-04\/\" class=\"_self\" target=\"_self\" >T-746-04<\/a><\/h4>\n<div class=\"pt-cv-content\">\u00a0 \u00a0 Sentencia T-746\/04 \u00a0 INDEMNIZACION SUSTITUTIVA-Dinero fue devuelto antes de que se hiciera notificaci\u00f3n de resoluci\u00f3n de reconocimiento \u00a0 ACCION DE TUTELA E INDEMNIZACION SUSTITUTIVA-Procedencia excepcional para ordenar pago \u00a0 DERECHO DE PETICION-Requisitos que debe cumplir respuesta que se de al peticionario \u00a0 De conformidad con la jurisprudencia reiterada de esta Corporaci\u00f3n, el n\u00facleo esencial de este derecho reside en la resoluci\u00f3n pronta y oportuna de la cuesti\u00f3n, por lo tanto, la respuesta que se de al peticionario debe cumplir con los siguientes requisitos: 1. Debe ser resuelta de manera oportuna; 2. Debe contestarse de fondo, y de manera ...<br \/><div class=\"pt-cv-rmwrap\"><a href=\"https:\/\/www.dmsjuridica.com\/buscador_20179478954\/corteconstitucionalcronologico202454587\/t-746-04\/\" class=\"_self pt-cv-readmore btn btn-success\" target=\"_self\">Ver Sentencia Completa...<\/a><\/div><\/div><\/div><\/div>\n<div class=\"col-md-12 col-sm-12 col-xs-12 pt-cv-content-item pt-cv-1-col\" ><div class='pt-cv-ifield'><a href=\"https:\/\/www.dmsjuridica.com\/buscador_20179478954\/corteconstitucionalcronologico202454587\/t-745-04\/\" class=\"_self pt-cv-href-thumbnail pt-cv-thumb-default\" target=\"_self\" ><\/a>\n<div class=\"pt-cv-taxoterm above_title\"><a href='https:\/\/www.dmsjuridica.com\/buscador_20179478954\/corteconstitucionalcronologico202454587\/category\/buscar-en-toda-la-corte\/2004\/tutelas-2004\/' title='Tutelas 2004' class='pt-cv-tax-tutelas-2004'>Tutelas 2004<\/a><\/div>\n<h4 class=\"pt-cv-title\"><a href=\"https:\/\/www.dmsjuridica.com\/buscador_20179478954\/corteconstitucionalcronologico202454587\/t-745-04\/\" class=\"_self\" target=\"_self\" >T-745-04<\/a><\/h4>\n<div class=\"pt-cv-content\">\u00a0 \u00a0 Sentencia T-745\/04 \u00a0 DERECHO A LA SALUD DEL MENOR-Tratamiento de quimioterapia \u00a0 DERECHO A LA SALUD DEL MENOR-No debe exigirse copago \u00a0 En esta sentencia se aplicar\u00e1 el precedente constitucional referente a la inaplicaci\u00f3n de las normas relativas al pago de las cuotas de recuperaci\u00f3n, cuando la persona requiere con urgencia de la prestaci\u00f3n de un servicio de salud y carece de los recursos econ\u00f3micos suficientes para efectuar tal pago. En reiteradas oportunidades esta Corporaci\u00f3n ha se\u00f1alado que cuando una persona requiere de un tratamiento m\u00e9dico con urgencia, y no pueda acceder a \u00e9ste, por no tener la ...<br \/><div class=\"pt-cv-rmwrap\"><a href=\"https:\/\/www.dmsjuridica.com\/buscador_20179478954\/corteconstitucionalcronologico202454587\/t-745-04\/\" class=\"_self pt-cv-readmore btn btn-success\" target=\"_self\">Ver Sentencia Completa...<\/a><\/div><\/div><\/div><\/div>\n<div class=\"col-md-12 col-sm-12 col-xs-12 pt-cv-content-item pt-cv-1-col\" ><div class='pt-cv-ifield'><a href=\"https:\/\/www.dmsjuridica.com\/buscador_20179478954\/corteconstitucionalcronologico202454587\/t-744-04\/\" class=\"_self pt-cv-href-thumbnail pt-cv-thumb-default\" target=\"_self\" ><\/a>\n<div class=\"pt-cv-taxoterm above_title\"><a href='https:\/\/www.dmsjuridica.com\/buscador_20179478954\/corteconstitucionalcronologico202454587\/category\/buscar-en-toda-la-corte\/2004\/tutelas-2004\/' title='Tutelas 2004' class='pt-cv-tax-tutelas-2004'>Tutelas 2004<\/a><\/div>\n<h4 class=\"pt-cv-title\"><a href=\"https:\/\/www.dmsjuridica.com\/buscador_20179478954\/corteconstitucionalcronologico202454587\/t-744-04\/\" class=\"_self\" target=\"_self\" >T-744-04<\/a><\/h4>\n<div class=\"pt-cv-content\">\u00a0 \u00a0 Sentencia T-744\/04 \u00a0 A pesar de la ausencia de una pretensi\u00f3n espec\u00edfica en este sentido, de la descripci\u00f3n de los hechos contenida en la demanda, se puede concluir con certeza, que el accionante est\u00e1 solicitando al juez de tutela que los costos de los ex\u00e1menes preoperatorios faltantes, sean cubiertos en su totalidad por la EPS a la que se encuentra afiliado. No sucede lo mismo frente a los costos de la operaci\u00f3n. El accionante no hace menci\u00f3n alguna a \u00e9stos en la demanda. Sin embargo, teniendo en cuenta las circunstancias socioecon\u00f3micas espec\u00edficas que afronta el se\u00f1or Quintero, a ...<br \/><div class=\"pt-cv-rmwrap\"><a href=\"https:\/\/www.dmsjuridica.com\/buscador_20179478954\/corteconstitucionalcronologico202454587\/t-744-04\/\" class=\"_self pt-cv-readmore btn btn-success\" target=\"_self\">Ver Sentencia Completa...<\/a><\/div><\/div><\/div><\/div>\n<div class=\"col-md-12 col-sm-12 col-xs-12 pt-cv-content-item pt-cv-1-col\" ><div class='pt-cv-ifield'><a href=\"https:\/\/www.dmsjuridica.com\/buscador_20179478954\/corteconstitucionalcronologico202454587\/t-743-04\/\" class=\"_self pt-cv-href-thumbnail pt-cv-thumb-default\" target=\"_self\" ><\/a>\n<div class=\"pt-cv-taxoterm above_title\"><a href='https:\/\/www.dmsjuridica.com\/buscador_20179478954\/corteconstitucionalcronologico202454587\/category\/buscar-en-toda-la-corte\/2004\/tutelas-2004\/' title='Tutelas 2004' class='pt-cv-tax-tutelas-2004'>Tutelas 2004<\/a><\/div>\n<h4 class=\"pt-cv-title\"><a href=\"https:\/\/www.dmsjuridica.com\/buscador_20179478954\/corteconstitucionalcronologico202454587\/t-743-04\/\" class=\"_self\" target=\"_self\" >T-743-04<\/a><\/h4>\n<div class=\"pt-cv-content\">\u00a0 \u00a0 Sentencia T-743\/04 \u00a0 Reiteraci\u00f3n de jurisprudencia\u00a0 \u00a0 Referencia: expediente T-912666 \u00a0 Acci\u00f3n de tutela instaurada por Elma Mar\u00eda Buitrago contra la Secretar\u00eda de Salud Departamental de Santander.\u00a0 \u00a0 Magistrado Ponente: \u00a0 Dr. MANUEL JOS\u00c9 CEPEDA ESPINOSA \u00a0 Bogot\u00e1, D. C., seis (6) de agosto de dos mil cuatro (2004). \u00a0 1. Elma Mar\u00eda Buitrago interpuso acci\u00f3n de tutela contra la Secretar\u00eda de Salud Departamental y la Secretar\u00eda Municipal de Piedecuesta, Santander, en representaci\u00f3n de su marido, Gustavo Boh\u00f3rquez Rojas, por considerar que se le est\u00e1n violando los derechos a la vida y a la salud al neg\u00e1rsele el ...<br \/><div class=\"pt-cv-rmwrap\"><a href=\"https:\/\/www.dmsjuridica.com\/buscador_20179478954\/corteconstitucionalcronologico202454587\/t-743-04\/\" class=\"_self pt-cv-readmore btn btn-success\" target=\"_self\">Ver Sentencia Completa...<\/a><\/div><\/div><\/div><\/div>\n<div class=\"col-md-12 col-sm-12 col-xs-12 pt-cv-content-item pt-cv-1-col\" ><div class='pt-cv-ifield'><a href=\"https:\/\/www.dmsjuridica.com\/buscador_20179478954\/corteconstitucionalcronologico202454587\/t-742-04\/\" class=\"_self pt-cv-href-thumbnail pt-cv-thumb-default\" target=\"_self\" ><\/a>\n<div class=\"pt-cv-taxoterm above_title\"><a href='https:\/\/www.dmsjuridica.com\/buscador_20179478954\/corteconstitucionalcronologico202454587\/category\/buscar-en-toda-la-corte\/2004\/tutelas-2004\/' title='Tutelas 2004' class='pt-cv-tax-tutelas-2004'>Tutelas 2004<\/a><\/div>\n<h4 class=\"pt-cv-title\"><a href=\"https:\/\/www.dmsjuridica.com\/buscador_20179478954\/corteconstitucionalcronologico202454587\/t-742-04\/\" class=\"_self\" target=\"_self\" >T-742-04<\/a><\/h4>\n<div class=\"pt-cv-content\">\u00a0 \u00a0 Sentencia T-742\/04 \u00a0 ACCIDENTE DE TRABAJO-Guarda del INPEC en partido de f\u00fatbol \u00a0 ENTIDAD PROMOTORA DE SALUD Y ADMINISTRADORA DE RIESGOS PROFESIONALES-Controversia sobre prestaci\u00f3n se servicios m\u00e9dicos \u00a0 ENTIDAD PROMOTORA DE SALUD-Atenci\u00f3n medica al afiliado derivada de accidente de trabajo mientras se resuelve controversia en la jurisdicci\u00f3n \u00a0 ENTIDAD PROMOTORA DE SALUD Y ACCIDENTE DE TRABAJO-Derecho a repetir contra la ARS si la jurisdicci\u00f3n laboral decide que fue accidente \u00a0 Referencia: expediente T-876138 \u00a0 Acci\u00f3n de tutela instaurada por Orlando Bravo, en representaci\u00f3n de su hermano John Freddy Bravo, contra Comfenalco EPS y La Previsora Vida S.A.\u00a0 \u00a0 ...<br \/><div class=\"pt-cv-rmwrap\"><a href=\"https:\/\/www.dmsjuridica.com\/buscador_20179478954\/corteconstitucionalcronologico202454587\/t-742-04\/\" class=\"_self pt-cv-readmore btn btn-success\" target=\"_self\">Ver Sentencia Completa...<\/a><\/div><\/div><\/div><\/div>\n<div class=\"col-md-12 col-sm-12 col-xs-12 pt-cv-content-item pt-cv-1-col\" ><div class='pt-cv-ifield'><a href=\"https:\/\/www.dmsjuridica.com\/buscador_20179478954\/corteconstitucionalcronologico202454587\/t-741-04\/\" class=\"_self pt-cv-href-thumbnail pt-cv-thumb-default\" target=\"_self\" ><\/a>\n<div class=\"pt-cv-taxoterm above_title\"><a href='https:\/\/www.dmsjuridica.com\/buscador_20179478954\/corteconstitucionalcronologico202454587\/category\/buscar-en-toda-la-corte\/2004\/tutelas-2004\/' title='Tutelas 2004' class='pt-cv-tax-tutelas-2004'>Tutelas 2004<\/a><\/div>\n<h4 class=\"pt-cv-title\"><a href=\"https:\/\/www.dmsjuridica.com\/buscador_20179478954\/corteconstitucionalcronologico202454587\/t-741-04\/\" class=\"_self\" target=\"_self\" >T-741-04<\/a><\/h4>\n<div class=\"pt-cv-content\">\u00a0 \u00a0 Sentencia T-741\/04 \u00a0 DERECHO A LA SALUD DEL SOLDADO RETIRADO-Protecci\u00f3n por autoridades militares \u00a0 DERECHO A LA SALUD DEL SOLDADO RETIRADO-Atenci\u00f3n m\u00e9dico psiquiatra como consecuencia de afectaciones psicol\u00f3gicas por malos tratos \u00a0 SERVICIO MILITAR OBLIGATORIO-Asistencia m\u00e9dica mientras se encuentre vinculado o el retiro se produzca por enfermedad adquirida en la prestaci\u00f3n \u00a0 DERECHO A LA SALUD DEL SOLDADO RETIRADO-Orden a Sanidad Militar para determinar nuevamente disminuci\u00f3n de capacidad laboral \u00a0 La regla subyacente \u2013que resulta relevante para el caso bajo examen-es que la determinaci\u00f3n de la p\u00e9rdida de capacidad laboral de quienes prestan servicio militar debe efectuarse tomando ...<br \/><div class=\"pt-cv-rmwrap\"><a href=\"https:\/\/www.dmsjuridica.com\/buscador_20179478954\/corteconstitucionalcronologico202454587\/t-741-04\/\" class=\"_self pt-cv-readmore btn btn-success\" target=\"_self\">Ver Sentencia Completa...<\/a><\/div><\/div><\/div><\/div>\n<div class=\"col-md-12 col-sm-12 col-xs-12 pt-cv-content-item pt-cv-1-col\" ><div class='pt-cv-ifield'><a href=\"https:\/\/www.dmsjuridica.com\/buscador_20179478954\/corteconstitucionalcronologico202454587\/t-740-04\/\" class=\"_self pt-cv-href-thumbnail pt-cv-thumb-default\" target=\"_self\" ><\/a>\n<div class=\"pt-cv-taxoterm above_title\"><a href='https:\/\/www.dmsjuridica.com\/buscador_20179478954\/corteconstitucionalcronologico202454587\/category\/buscar-en-toda-la-corte\/2004\/tutelas-2004\/' title='Tutelas 2004' class='pt-cv-tax-tutelas-2004'>Tutelas 2004<\/a><\/div>\n<h4 class=\"pt-cv-title\"><a href=\"https:\/\/www.dmsjuridica.com\/buscador_20179478954\/corteconstitucionalcronologico202454587\/t-740-04\/\" class=\"_self\" target=\"_self\" >T-740-04<\/a><\/h4>\n<div class=\"pt-cv-content\">\u00a0 \u00a0 Sentencia T-740\/04 \u00a0 ACCION DE TUTELA-Procedencia respecto a desplazados\/DERECHOS DE LOS DESPLAZADOS-Ordenes proferidas por la Corte Constitucional para su protecci\u00f3n \u00a0 Acci\u00f3n de tutela instaurada por Edelberto Quintero Arias, Nilfa Ducuara Yara y Joba Gonz\u00e1lez Garc\u00eda contra la Red de Solidaridad Social y otros. \u00a0 Magistrado Ponente: \u00a0 \u00a0 Dr. \u00a0JAIME C\u00d3RDOBA TRIVI\u00d1O \u00a0 Bogot\u00e1, D. C., seis \u00a0(6) \u00a0de agosto de dos mil cuatro \u00a0(2004).\u00a0 \u00a0 La Sala Cuarta de Revisi\u00f3n de la Corte Constitucional, en ejercicio de sus competencias constitucionales y legales, ha proferido la siguiente \u00a0 SENTENCIA \u00a0 dentro del tr\u00e1mite de revisi\u00f3n de la ...<br \/><div class=\"pt-cv-rmwrap\"><a href=\"https:\/\/www.dmsjuridica.com\/buscador_20179478954\/corteconstitucionalcronologico202454587\/t-740-04\/\" class=\"_self pt-cv-readmore btn btn-success\" target=\"_self\">Ver Sentencia Completa...<\/a><\/div><\/div><\/div><\/div>\n<div class=\"col-md-12 col-sm-12 col-xs-12 pt-cv-content-item pt-cv-1-col\" ><div class='pt-cv-ifield'><a href=\"https:\/\/www.dmsjuridica.com\/buscador_20179478954\/corteconstitucionalcronologico202454587\/t-739-04\/\" class=\"_self pt-cv-href-thumbnail pt-cv-thumb-default\" target=\"_self\" ><\/a>\n<div class=\"pt-cv-taxoterm above_title\"><a href='https:\/\/www.dmsjuridica.com\/buscador_20179478954\/corteconstitucionalcronologico202454587\/category\/buscar-en-toda-la-corte\/2004\/tutelas-2004\/' title='Tutelas 2004' class='pt-cv-tax-tutelas-2004'>Tutelas 2004<\/a><\/div>\n<h4 class=\"pt-cv-title\"><a href=\"https:\/\/www.dmsjuridica.com\/buscador_20179478954\/corteconstitucionalcronologico202454587\/t-739-04\/\" class=\"_self\" target=\"_self\" >T-739-04<\/a><\/h4>\n<div class=\"pt-cv-content\">\u00a0 \u00a0 Sentencia T-739\/04 \u00a0 PRINCIPIO DE PROGRESIVIDAD EN EL SERVICIO PUBLICO DE SALUD \u00a0 DERECHO A LA SALUD-Decisi\u00f3n de reubicar a los pacientes de Unidad renal fue acertada \u00a0 La decisi\u00f3n de reubicar a los pacientes en la ciudad de Santa Marta resulta acorde con la protecci\u00f3n de los objetivos esenciales del derecho a la salud, puesto que ante las graves deficiencias que presentaba la unidad renal la actuaci\u00f3n m\u00e1s acertada en t\u00e9rminos de protecci\u00f3n del derecho fundamental a la vida en condiciones dignas de los pacientes de hemodi\u00e1lisis era la reubicaci\u00f3n a un centro asistencial que contara con ...<br \/><div class=\"pt-cv-rmwrap\"><a href=\"https:\/\/www.dmsjuridica.com\/buscador_20179478954\/corteconstitucionalcronologico202454587\/t-739-04\/\" class=\"_self pt-cv-readmore btn btn-success\" target=\"_self\">Ver Sentencia Completa...<\/a><\/div><\/div><\/div><\/div>\n<div class=\"col-md-12 col-sm-12 col-xs-12 pt-cv-content-item pt-cv-1-col\" ><div class='pt-cv-ifield'><a href=\"https:\/\/www.dmsjuridica.com\/buscador_20179478954\/corteconstitucionalcronologico202454587\/t-738-04\/\" class=\"_self pt-cv-href-thumbnail pt-cv-thumb-default\" target=\"_self\" ><\/a>\n<div class=\"pt-cv-taxoterm above_title\"><a href='https:\/\/www.dmsjuridica.com\/buscador_20179478954\/corteconstitucionalcronologico202454587\/category\/buscar-en-toda-la-corte\/2004\/tutelas-2004\/' title='Tutelas 2004' class='pt-cv-tax-tutelas-2004'>Tutelas 2004<\/a><\/div>\n<h4 class=\"pt-cv-title\"><a href=\"https:\/\/www.dmsjuridica.com\/buscador_20179478954\/corteconstitucionalcronologico202454587\/t-738-04\/\" class=\"_self\" target=\"_self\" >T-738-04<\/a><\/h4>\n<div class=\"pt-cv-content\">\u00a0 \u00a0 Sentencia T-738\/04 \u00a0 DERECHO A LA SALUD-Fundamental por conexidad con la vida \u00a0 ESTADO-Asistencia a personas que prestan el servicio militar \u00a0 SERVICIO MILITAR-Responsabilidad del Estado en atenci\u00f3n de salud \u00a0 SERVICIO MILITAR-Atenci\u00f3n m\u00e9dica de quien adquiere enfermedad durante su prestaci\u00f3n\/DERECHO A LA SALUD-Continuidad atenci\u00f3n m\u00e9dica por adquirir incapacidad durante el servicio militar \u00a0 EJERCITO NACIONAL-Atenci\u00f3n m\u00e9dica de quien result\u00f3 lesionado con ocasi\u00f3n del servicio militar \u00a0 DERECHO A LA SALUD-Subreglas a aplicar en caso de personas que prestan servicio militar \u00a0 En la sentencia T\u2013824 de 2002 (M.P. Manuel Jos\u00e9 Cepeda Espinosa) esta Corte identific\u00f3 las subreglas ...<br \/><div class=\"pt-cv-rmwrap\"><a href=\"https:\/\/www.dmsjuridica.com\/buscador_20179478954\/corteconstitucionalcronologico202454587\/t-738-04\/\" class=\"_self pt-cv-readmore btn btn-success\" target=\"_self\">Ver Sentencia Completa...<\/a><\/div><\/div><\/div><\/div>\n<div class=\"col-md-12 col-sm-12 col-xs-12 pt-cv-content-item pt-cv-1-col\" ><div class='pt-cv-ifield'><a href=\"https:\/\/www.dmsjuridica.com\/buscador_20179478954\/corteconstitucionalcronologico202454587\/t-737-04\/\" class=\"_self pt-cv-href-thumbnail pt-cv-thumb-default\" target=\"_self\" ><\/a>\n<div class=\"pt-cv-taxoterm above_title\"><a href='https:\/\/www.dmsjuridica.com\/buscador_20179478954\/corteconstitucionalcronologico202454587\/category\/buscar-en-toda-la-corte\/2004\/tutelas-2004\/' title='Tutelas 2004' class='pt-cv-tax-tutelas-2004'>Tutelas 2004<\/a><\/div>\n<h4 class=\"pt-cv-title\"><a href=\"https:\/\/www.dmsjuridica.com\/buscador_20179478954\/corteconstitucionalcronologico202454587\/t-737-04\/\" class=\"_self\" target=\"_self\" >T-737-04<\/a><\/h4>\n<div class=\"pt-cv-content\">\u00a0 \u00a0 Sentencia T-737\/04 \u00a0 SANCION DISCIPLINARIA-Existencia de otro mecanismo de defensa judicial \u00a0 ACCION DE TUTELA-No sustituye mecanismos de defensa judiciales\/JUEZ DE TUTELA-Respeto de jurisdicciones establecidas \u00a0 JURISDICCION CONTENCIOSO ADMINISTRATIVA-Revisi\u00f3n de actos administrativos de orden disciplinario\/MEDIO DE DEFENSA JUDICIAL-Sanci\u00f3n disciplinaria \u00a0 PERJUICIO IRREMEDIABLE-Inexistencia por sanci\u00f3n disciplinaria \u00a0 Referencia: expediente T-882060 \u00a0 Acci\u00f3n de tutela instaurada por Jos\u00e9 F\u00e9lix Lafaurie Rivera contra la Procuradur\u00eda General de la Naci\u00f3n. \u00a0 \u00a0 Magistrada Ponente: \u00a0 Dra. CLARA IN\u00c9S VARGAS HERN\u00c1NDEZ \u00a0 Bogot\u00e1, D. C., cinco (5) de agosto de dos mil cuatro (2004). \u00a0 La Sala Novena de Revisi\u00f3n de Tutelas de ...<br \/><div class=\"pt-cv-rmwrap\"><a href=\"https:\/\/www.dmsjuridica.com\/buscador_20179478954\/corteconstitucionalcronologico202454587\/t-737-04\/\" class=\"_self pt-cv-readmore btn btn-success\" target=\"_self\">Ver Sentencia Completa...<\/a><\/div><\/div><\/div><\/div>\n<div class=\"col-md-12 col-sm-12 col-xs-12 pt-cv-content-item pt-cv-1-col\" ><div class='pt-cv-ifield'><a href=\"https:\/\/www.dmsjuridica.com\/buscador_20179478954\/corteconstitucionalcronologico202454587\/t-736-04\/\" class=\"_self pt-cv-href-thumbnail pt-cv-thumb-default\" target=\"_self\" ><\/a>\n<div class=\"pt-cv-taxoterm above_title\"><a href='https:\/\/www.dmsjuridica.com\/buscador_20179478954\/corteconstitucionalcronologico202454587\/category\/buscar-en-toda-la-corte\/2004\/tutelas-2004\/' title='Tutelas 2004' class='pt-cv-tax-tutelas-2004'>Tutelas 2004<\/a><\/div>\n<h4 class=\"pt-cv-title\"><a href=\"https:\/\/www.dmsjuridica.com\/buscador_20179478954\/corteconstitucionalcronologico202454587\/t-736-04\/\" class=\"_self\" target=\"_self\" >T-736-04<\/a><\/h4>\n<div class=\"pt-cv-content\">\u00a0 \u00a0 Sentencia T-736\/04 \u00a0 DERECHO A LA SALUD-Fundamental por conexidad \u00a0 DERECHOS FUNDAMENTALES-Conexidad\/DERECHO A LA SEGURIDAD SOCIAL-Servicios vitales y esenciales para el mantenimiento de una vida digna \u00a0 DERECHO A LA SALUD DE PERSONA DE LA TERCERA EDAD-Suministro de ox\u00edgeno domiciliario sin que puedan exigirse pagos adicionales \u00a0 Referencia: expediente T-879565 \u00a0 Acci\u00f3n de tutela instaurada por Guillermo Rodr\u00edguez Rodr\u00edguez contra el Hospital el Salvador.\u00a0 \u00a0 Magistrada Ponente: \u00a0 Dra. CLARA IN\u00c9S VARGAS HERN\u00c1NDEZ \u00a0 Bogot\u00e1 D. C., cinco (5) de agosto de dos mil cuatro (2004). \u00a0 La Sala Novena de Revisi\u00f3n de Tutelas de la Corte Constitucional, ...<br \/><div class=\"pt-cv-rmwrap\"><a href=\"https:\/\/www.dmsjuridica.com\/buscador_20179478954\/corteconstitucionalcronologico202454587\/t-736-04\/\" class=\"_self pt-cv-readmore btn btn-success\" target=\"_self\">Ver Sentencia Completa...<\/a><\/div><\/div><\/div><\/div>\n<div class=\"col-md-12 col-sm-12 col-xs-12 pt-cv-content-item pt-cv-1-col\" ><div class='pt-cv-ifield'><a href=\"https:\/\/www.dmsjuridica.com\/buscador_20179478954\/corteconstitucionalcronologico202454587\/t-735-04\/\" class=\"_self pt-cv-href-thumbnail pt-cv-thumb-default\" target=\"_self\" ><\/a>\n<div class=\"pt-cv-taxoterm above_title\"><a href='https:\/\/www.dmsjuridica.com\/buscador_20179478954\/corteconstitucionalcronologico202454587\/category\/buscar-en-toda-la-corte\/2004\/tutelas-2004\/' title='Tutelas 2004' class='pt-cv-tax-tutelas-2004'>Tutelas 2004<\/a><\/div>\n<h4 class=\"pt-cv-title\"><a href=\"https:\/\/www.dmsjuridica.com\/buscador_20179478954\/corteconstitucionalcronologico202454587\/t-735-04\/\" class=\"_self\" target=\"_self\" >T-735-04<\/a><\/h4>\n<div class=\"pt-cv-content\">\u00a0 \u00a0 Sentencia T-735\/04 \u00a0 LLAMADO DE ATENCION EN MATERIA DISCIPLINARIA POR ESCRITO-No pueden hacerse por faltas menores\/LLAMADO DE ATENCION EN MATERIA DISCIPLINARIA-No anotaci\u00f3n en la hoja de vida \u00a0 La Sala considera necesario hacer algunas breves consideraciones respecto a la alegada vulneraci\u00f3n del derecho al debido proceso del accionante. En efecto, esta Sala encuentra que efectivamente existi\u00f3 vulneraci\u00f3n de su derecho fundamental al debido proceso por parte de la Direcci\u00f3n de Servicios Generales del Comando de la Armada Nacional, por cuanto le realiz\u00f3 un llamado de atenci\u00f3n por escrito respecto de una conducta de menor entidad que no afectaba ...<br \/><div class=\"pt-cv-rmwrap\"><a href=\"https:\/\/www.dmsjuridica.com\/buscador_20179478954\/corteconstitucionalcronologico202454587\/t-735-04\/\" class=\"_self pt-cv-readmore btn btn-success\" target=\"_self\">Ver Sentencia Completa...<\/a><\/div><\/div><\/div><\/div>\n<div class=\"col-md-12 col-sm-12 col-xs-12 pt-cv-content-item pt-cv-1-col\" ><div class='pt-cv-ifield'><a href=\"https:\/\/www.dmsjuridica.com\/buscador_20179478954\/corteconstitucionalcronologico202454587\/t-734-04\/\" class=\"_self pt-cv-href-thumbnail pt-cv-thumb-default\" target=\"_self\" ><\/a>\n<div class=\"pt-cv-taxoterm above_title\"><a href='https:\/\/www.dmsjuridica.com\/buscador_20179478954\/corteconstitucionalcronologico202454587\/category\/buscar-en-toda-la-corte\/2004\/tutelas-2004\/' title='Tutelas 2004' class='pt-cv-tax-tutelas-2004'>Tutelas 2004<\/a><\/div>\n<h4 class=\"pt-cv-title\"><a href=\"https:\/\/www.dmsjuridica.com\/buscador_20179478954\/corteconstitucionalcronologico202454587\/t-734-04\/\" class=\"_self\" target=\"_self\" >T-734-04<\/a><\/h4>\n<div class=\"pt-cv-content\">\u00a0 \u00a0 Sentencia T-734\/04 \u00a0 DERECHO DE PETICION EN MATERIA PENSIONAL-T\u00e9rminos para resolver\/PENSION DE JUBILACION-Solicitud de reliquidaci\u00f3n \u00a0 Referencia: expediente T-862938 \u00a0 Acci\u00f3n de tutela instaurada por Manuel P\u00e1ez Reyes contra el Instituto de Seguros Sociales Seccional Bogot\u00e1. \u00a0 Magistrada Ponente: \u00a0 Dra. CLARA IN\u00c9S VARGAS HERN\u00c1NDEZ \u00a0 Bogot\u00e1, D. C., cinco (5) de agosto de dos mil cuatro (2004). \u00a0 La Sala Novena de Revisi\u00f3n de la Corte Constitucional, en ejercicio de sus competencias constitucionales y legales, en particular las contenidas en los art\u00edculos 86 y 241, numeral 9, de la Constituci\u00f3n y el Decreto 2591 de 1991, profiere ...<br \/><div class=\"pt-cv-rmwrap\"><a href=\"https:\/\/www.dmsjuridica.com\/buscador_20179478954\/corteconstitucionalcronologico202454587\/t-734-04\/\" class=\"_self pt-cv-readmore btn btn-success\" target=\"_self\">Ver Sentencia Completa...<\/a><\/div><\/div><\/div><\/div>\n<div class=\"col-md-12 col-sm-12 col-xs-12 pt-cv-content-item pt-cv-1-col\" ><div class='pt-cv-ifield'><a href=\"https:\/\/www.dmsjuridica.com\/buscador_20179478954\/corteconstitucionalcronologico202454587\/t-733-04\/\" class=\"_self pt-cv-href-thumbnail pt-cv-thumb-default\" target=\"_self\" ><\/a>\n<div class=\"pt-cv-taxoterm above_title\"><a href='https:\/\/www.dmsjuridica.com\/buscador_20179478954\/corteconstitucionalcronologico202454587\/category\/buscar-en-toda-la-corte\/2004\/tutelas-2004\/' title='Tutelas 2004' class='pt-cv-tax-tutelas-2004'>Tutelas 2004<\/a><\/div>\n<h4 class=\"pt-cv-title\"><a href=\"https:\/\/www.dmsjuridica.com\/buscador_20179478954\/corteconstitucionalcronologico202454587\/t-733-04\/\" class=\"_self\" target=\"_self\" >T-733-04<\/a><\/h4>\n<div class=\"pt-cv-content\">\u00a0 \u00a0 Sentencia T-733\/04 \u00a0 DERECHO A LA VIVIENDA DIGNA-Financiaci\u00f3n de vivienda a largo plazo \u00a0 ACTO PROPIO-Respeto\/ACTO PROPIO-Condiciones para su aplicaci\u00f3n \u00a0 OBLIGACION EXTINTA-Reliquidaci\u00f3n de cr\u00e9dito hipotecario\/OBLIGACION EXTINTA-Cancelaci\u00f3n de gravamen\/OBLIGACION EXTINTA-Expedici\u00f3n de paz y salvo por Granahorrar \u00a0 ENTIDAD BANCARIA-Abuso de posici\u00f3n dominante \u00a0 DEBIDO PROCESO-Vulneraci\u00f3n por Granahorrar por imputaci\u00f3n de una nueva deuda \u00a0 Referencia: expediente T-893763 \u00a0 \u00a0 Accionante: Adela Santamar\u00eda Hern\u00e1ndez \u00a0 \u00a0 Procedencia: Juzgado Primero Civil del Circuito de Bucaramanga \u00a0 Magistrado Ponente:\u00a0 \u00a0 Dr. MARCO GERARDO MONROY CABRA \u00a0 Bogot\u00e1 D.C., cinco (5) de agosto de dos mil cuatro (2004) \u00a0 La Sala Sexta ...<br \/><div class=\"pt-cv-rmwrap\"><a href=\"https:\/\/www.dmsjuridica.com\/buscador_20179478954\/corteconstitucionalcronologico202454587\/t-733-04\/\" class=\"_self pt-cv-readmore btn btn-success\" target=\"_self\">Ver Sentencia Completa...<\/a><\/div><\/div><\/div><\/div>\n<div class=\"col-md-12 col-sm-12 col-xs-12 pt-cv-content-item pt-cv-1-col\" ><div class='pt-cv-ifield'><a href=\"https:\/\/www.dmsjuridica.com\/buscador_20179478954\/corteconstitucionalcronologico202454587\/t-732-04\/\" class=\"_self pt-cv-href-thumbnail pt-cv-thumb-default\" target=\"_self\" ><\/a>\n<div class=\"pt-cv-taxoterm above_title\"><a href='https:\/\/www.dmsjuridica.com\/buscador_20179478954\/corteconstitucionalcronologico202454587\/category\/buscar-en-toda-la-corte\/2004\/tutelas-2004\/' title='Tutelas 2004' class='pt-cv-tax-tutelas-2004'>Tutelas 2004<\/a><\/div>\n<h4 class=\"pt-cv-title\"><a href=\"https:\/\/www.dmsjuridica.com\/buscador_20179478954\/corteconstitucionalcronologico202454587\/t-732-04\/\" class=\"_self\" target=\"_self\" >T-732-04<\/a><\/h4>\n<div class=\"pt-cv-content\">\u00a0 \u00a0 Sentencia T-732\/04 \u00a0 ACCION DE TUTELA-Improcedencia para reintegro al cargo\/ENTIDAD DEL ORDEN DISTRITAL-Reestructuraci\u00f3n \u00a0 La acci\u00f3n de tutela no es el mecanismo adecuado para controvertir la supresi\u00f3n de entidades p\u00fablicas, cuando dicha supresi\u00f3n obedece a la ejecuci\u00f3n de pol\u00edticas estatales encaminadas a maximizar el inter\u00e9s general; como tampoco es el recurso jur\u00eddico id\u00f3neo para obtener el reintegro de los trabajadores desvinculados de las entidades suprimidas. En el caso de los trabajadores de la EDIS, la tutela no es el mecanismo judicial id\u00f3neo para reclamar la protecci\u00f3n de los derechos que dicen les fueron vulnerados, pues la impugnaci\u00f3n de ...<br \/><div class=\"pt-cv-rmwrap\"><a href=\"https:\/\/www.dmsjuridica.com\/buscador_20179478954\/corteconstitucionalcronologico202454587\/t-732-04\/\" class=\"_self pt-cv-readmore btn btn-success\" target=\"_self\">Ver Sentencia Completa...<\/a><\/div><\/div><\/div><\/div>\n<div class=\"col-md-12 col-sm-12 col-xs-12 pt-cv-content-item pt-cv-1-col\" ><div class='pt-cv-ifield'><a href=\"https:\/\/www.dmsjuridica.com\/buscador_20179478954\/corteconstitucionalcronologico202454587\/t-731-04\/\" class=\"_self pt-cv-href-thumbnail pt-cv-thumb-default\" target=\"_self\" ><\/a>\n<div class=\"pt-cv-taxoterm above_title\"><a href='https:\/\/www.dmsjuridica.com\/buscador_20179478954\/corteconstitucionalcronologico202454587\/category\/buscar-en-toda-la-corte\/2004\/tutelas-2004\/' title='Tutelas 2004' class='pt-cv-tax-tutelas-2004'>Tutelas 2004<\/a><\/div>\n<h4 class=\"pt-cv-title\"><a href=\"https:\/\/www.dmsjuridica.com\/buscador_20179478954\/corteconstitucionalcronologico202454587\/t-731-04\/\" class=\"_self\" target=\"_self\" >T-731-04<\/a><\/h4>\n<div class=\"pt-cv-content\">\u00a0 \u00a0 Sentencia T-731\/04 \u00a0 DERECHO A LA SALUD DE BEBE PREMATURO-Violaci\u00f3n por cuanto la EPS se niega a afiliar a la madre para que lo tenga como beneficiario\/DERECHO A LA VIDA DE BEBE PREMATURO-Violaci\u00f3n por cuanto la EPS se niega a afiliar a la madre para que lo tenga como beneficiario \u00a0 DERECHO A LA SEGURIDAD SOCIAL DE BEBE PREMATURO-Violaci\u00f3n por cuanto la EPS se niega a afiliar a la madre para que lo tenga como beneficiario \u00a0 CONTRATO DE MEDICINA PREPAGADA-S\u00f3lo cubri\u00f3 15 d\u00edas de tratamiento a beb\u00e9 prematuro\/PREVALENCIA DEL INTERES SUPERIOR DEL MENOR \u00a0 ENTIDAD PROMOTORA DE ...<br \/><div class=\"pt-cv-rmwrap\"><a href=\"https:\/\/www.dmsjuridica.com\/buscador_20179478954\/corteconstitucionalcronologico202454587\/t-731-04\/\" class=\"_self pt-cv-readmore btn btn-success\" target=\"_self\">Ver Sentencia Completa...<\/a><\/div><\/div><\/div><\/div>\n<div class=\"col-md-12 col-sm-12 col-xs-12 pt-cv-content-item pt-cv-1-col\" ><div class='pt-cv-ifield'><a href=\"https:\/\/www.dmsjuridica.com\/buscador_20179478954\/corteconstitucionalcronologico202454587\/t-730-04\/\" class=\"_self pt-cv-href-thumbnail pt-cv-thumb-default\" target=\"_self\" ><\/a>\n<div class=\"pt-cv-taxoterm above_title\"><a href='https:\/\/www.dmsjuridica.com\/buscador_20179478954\/corteconstitucionalcronologico202454587\/category\/buscar-en-toda-la-corte\/2004\/tutelas-2004\/' title='Tutelas 2004' class='pt-cv-tax-tutelas-2004'>Tutelas 2004<\/a><\/div>\n<h4 class=\"pt-cv-title\"><a href=\"https:\/\/www.dmsjuridica.com\/buscador_20179478954\/corteconstitucionalcronologico202454587\/t-730-04\/\" class=\"_self\" target=\"_self\" >T-730-04<\/a><\/h4>\n<div class=\"pt-cv-content\">\u00a0 \u00a0 Sentencia T-730\/04 \u00a0 ACCION DE TUTELA CONTRA PROVIDENCIAS JUDICIALES-No se incurri\u00f3 en v\u00eda de hecho por cuanto el Tribunal pod\u00eda de oficio decretar prueba sobre matrimonio de la demandante\/PROCESO DE INVESTIGACION DE PATERNIDAD \u00a0 ACCION DE TUTELA-Hecho superado por cuanto ya se profiri\u00f3 sentencia en Tribunal \u00a0 Referencia: expediente T-889278 \u00a0 Peticionaria: Carmenza Arbelaez Jaramillo \u00a0 Magistrado Ponente: \u00a0 Dr. ALFREDO BELTR\u00c1N SIERRA \u00a0 Bogot\u00e1, D. C., \u00a0cinco (5) de agosto de dos mil cuatro (2004). \u00a0 La Sala Segunda de Revisi\u00f3n de la Corte Constitucional, integrada por los magistrados, Alfredo Beltr\u00e1n Sierra, Manuel Jos\u00e9 Cepeda Espinosa y ...<br \/><div class=\"pt-cv-rmwrap\"><a href=\"https:\/\/www.dmsjuridica.com\/buscador_20179478954\/corteconstitucionalcronologico202454587\/t-730-04\/\" class=\"_self pt-cv-readmore btn btn-success\" target=\"_self\">Ver Sentencia Completa...<\/a><\/div><\/div><\/div><\/div>\n<div class=\"col-md-12 col-sm-12 col-xs-12 pt-cv-content-item pt-cv-1-col\" ><div class='pt-cv-ifield'><a href=\"https:\/\/www.dmsjuridica.com\/buscador_20179478954\/corteconstitucionalcronologico202454587\/t-729-04\/\" class=\"_self pt-cv-href-thumbnail pt-cv-thumb-default\" target=\"_self\" ><\/a>\n<div class=\"pt-cv-taxoterm above_title\"><a href='https:\/\/www.dmsjuridica.com\/buscador_20179478954\/corteconstitucionalcronologico202454587\/category\/buscar-en-toda-la-corte\/2004\/tutelas-2004\/' title='Tutelas 2004' class='pt-cv-tax-tutelas-2004'>Tutelas 2004<\/a><\/div>\n<h4 class=\"pt-cv-title\"><a href=\"https:\/\/www.dmsjuridica.com\/buscador_20179478954\/corteconstitucionalcronologico202454587\/t-729-04\/\" class=\"_self\" target=\"_self\" >T-729-04<\/a><\/h4>\n<div class=\"pt-cv-content\">\u00a0 \u00a0 Sentencia T-729\/04 \u00a0 LICENCIA DE MATERNIDAD-Objeto \u00a0 LICENCIA DE MATERNIDAD-Procedencia excepcional de tutela para el pago \u00a0 LICENCIA DE MATERNIDAD-Pago por allanamiento a la mora por EPS \u00a0 Referencia: expediente T-932093 \u00a0 Acci\u00f3n de tutela instaurada por Elizabeth Su\u00e1rez Galindo contra COOMEVA EPS seccional Antioquia. \u00a0 Procedencia: Juzgado Segundo Penal Municipal de Turbo. \u00a0 Magistrado ponente:\u00a0 \u00a0 Dr. ALFREDO BELTR\u00c1N SIERRA. \u00a0 Bogot\u00e1, cinco (5) de agosto de dos mil cuatro (2004). \u00a0 La Sala Segunda (2a.) de Revisi\u00f3n de la Corte Constitucional, integrada por los magistrados Alfredo Beltr\u00e1n Sierra, Manuel Jos\u00e9 Cepeda Espinosa y Jaime C\u00f3rdoba Trivi\u00f1o ...<br \/><div class=\"pt-cv-rmwrap\"><a href=\"https:\/\/www.dmsjuridica.com\/buscador_20179478954\/corteconstitucionalcronologico202454587\/t-729-04\/\" class=\"_self pt-cv-readmore btn btn-success\" target=\"_self\">Ver Sentencia Completa...<\/a><\/div><\/div><\/div><\/div>\n<div class=\"col-md-12 col-sm-12 col-xs-12 pt-cv-content-item pt-cv-1-col\" ><div class='pt-cv-ifield'><a href=\"https:\/\/www.dmsjuridica.com\/buscador_20179478954\/corteconstitucionalcronologico202454587\/t-728-04\/\" class=\"_self pt-cv-href-thumbnail pt-cv-thumb-default\" target=\"_self\" ><\/a>\n<div class=\"pt-cv-taxoterm above_title\"><a href='https:\/\/www.dmsjuridica.com\/buscador_20179478954\/corteconstitucionalcronologico202454587\/category\/buscar-en-toda-la-corte\/2004\/tutelas-2004\/' title='Tutelas 2004' class='pt-cv-tax-tutelas-2004'>Tutelas 2004<\/a><\/div>\n<h4 class=\"pt-cv-title\"><a href=\"https:\/\/www.dmsjuridica.com\/buscador_20179478954\/corteconstitucionalcronologico202454587\/t-728-04\/\" class=\"_self\" target=\"_self\" >T-728-04<\/a><\/h4>\n<div class=\"pt-cv-content\">\u00a0 \u00a0 Sentencia T-728\/04 \u00a0 ACCION DE GRUPO-Requisitos de procedibilidad \u00a0 ACCION DE GRUPO-Inter\u00e9s en las acciones de grupo se define en funci\u00f3n de la afectaci\u00f3n en circunstancias comunes \u00a0 ACCION DE GRUPO-Inter\u00e9s afectado y legitimaci\u00f3n son conceptos interdependientes \u00a0 ACCION DE GRUPO-Tr\u00e1mite que debe darse a las acciones originadas en da\u00f1os a un n\u00famero plural de personas sin exigir conformaci\u00f3n del grupo \u00a0 Eliminadas del ordenamiento las expresiones que se\u00f1alaban que las acciones de grupo pod\u00edan ser interpuestas por un n\u00famero plural o un conjunto de personas, que reunieran \u201ccondiciones uniformes respecto de una misma causa\u201d, al igual que ...<br \/><div class=\"pt-cv-rmwrap\"><a href=\"https:\/\/www.dmsjuridica.com\/buscador_20179478954\/corteconstitucionalcronologico202454587\/t-728-04\/\" class=\"_self pt-cv-readmore btn btn-success\" target=\"_self\">Ver Sentencia Completa...<\/a><\/div><\/div><\/div><\/div>\n<div class=\"col-md-12 col-sm-12 col-xs-12 pt-cv-content-item pt-cv-1-col\" ><div class='pt-cv-ifield'><a href=\"https:\/\/www.dmsjuridica.com\/buscador_20179478954\/corteconstitucionalcronologico202454587\/t-727-04\/\" class=\"_self pt-cv-href-thumbnail pt-cv-thumb-default\" target=\"_self\" ><\/a>\n<div class=\"pt-cv-taxoterm above_title\"><a href='https:\/\/www.dmsjuridica.com\/buscador_20179478954\/corteconstitucionalcronologico202454587\/category\/buscar-en-toda-la-corte\/2004\/tutelas-2004\/' title='Tutelas 2004' class='pt-cv-tax-tutelas-2004'>Tutelas 2004<\/a><\/div>\n<h4 class=\"pt-cv-title\"><a href=\"https:\/\/www.dmsjuridica.com\/buscador_20179478954\/corteconstitucionalcronologico202454587\/t-727-04\/\" class=\"_self\" target=\"_self\" >T-727-04<\/a><\/h4>\n<div class=\"pt-cv-content\">\u00a0 \u00a0 Sentencia T-727\/04 \u00a0 LEGITIMACION POR ACTIVA EN TUTELA-Abuela en representaci\u00f3n de menor \u00a0 Cualquier persona est\u00e1 legitimada para interponer acci\u00f3n de tutela en nombre de un menor, siempre y cuando en el escrito o petici\u00f3n verbal conste la inminencia de la violaci\u00f3n a los derechos fundamentales del ni\u00f1o, o la ausencia de representante legal. En el caso que se analiza, la Sala acepta la representaci\u00f3n de la abuela del menor para instaurar la tutela, en tanto en el escrito de demanda pone de manifiesto que El Colegio vulnera los derechos de su nieto cuando interrumpe su proceso educativo ...<br \/><div class=\"pt-cv-rmwrap\"><a href=\"https:\/\/www.dmsjuridica.com\/buscador_20179478954\/corteconstitucionalcronologico202454587\/t-727-04\/\" class=\"_self pt-cv-readmore btn btn-success\" target=\"_self\">Ver Sentencia Completa...<\/a><\/div><\/div><\/div><\/div>\n<div class=\"col-md-12 col-sm-12 col-xs-12 pt-cv-content-item pt-cv-1-col\" ><div class='pt-cv-ifield'><a href=\"https:\/\/www.dmsjuridica.com\/buscador_20179478954\/corteconstitucionalcronologico202454587\/t-726-04\/\" class=\"_self pt-cv-href-thumbnail pt-cv-thumb-default\" target=\"_self\" ><\/a>\n<div class=\"pt-cv-taxoterm above_title\"><a href='https:\/\/www.dmsjuridica.com\/buscador_20179478954\/corteconstitucionalcronologico202454587\/category\/buscar-en-toda-la-corte\/2004\/tutelas-2004\/' title='Tutelas 2004' class='pt-cv-tax-tutelas-2004'>Tutelas 2004<\/a><\/div>\n<h4 class=\"pt-cv-title\"><a href=\"https:\/\/www.dmsjuridica.com\/buscador_20179478954\/corteconstitucionalcronologico202454587\/t-726-04\/\" class=\"_self\" target=\"_self\" >T-726-04<\/a><\/h4>\n<div class=\"pt-cv-content\">\u00a0 \u00a0 Sentencia T-726\/04 \u00a0 DERECHO A LA SALUD Y ACCION DE TUTELA \u00a0 Considerando que la acci\u00f3n de tutela ha sido instituida para proteger de manera inmediata los derechos constitucionales fundamentales, la posibilidad de que el derecho a la salud sea protegido a trav\u00e9s de ese mecanismo de defensa judicial, depende entonces de que con su desconocimiento se amenace tambi\u00e9n uno o varios derechos que tengan la condici\u00f3n jus fundamental, de manera que surge entre ellos un v\u00ednculo causal inescindible. Para estos efectos, la jurisprudencia ha establecido las reglas que permiten determinar la procedibilidad de la mencionada acci\u00f3n. \u00a0 ...<br \/><div class=\"pt-cv-rmwrap\"><a href=\"https:\/\/www.dmsjuridica.com\/buscador_20179478954\/corteconstitucionalcronologico202454587\/t-726-04\/\" class=\"_self pt-cv-readmore btn btn-success\" target=\"_self\">Ver Sentencia Completa...<\/a><\/div><\/div><\/div><\/div>\n<div class=\"col-md-12 col-sm-12 col-xs-12 pt-cv-content-item pt-cv-1-col\" ><div class='pt-cv-ifield'><a href=\"https:\/\/www.dmsjuridica.com\/buscador_20179478954\/corteconstitucionalcronologico202454587\/t-725-04\/\" class=\"_self pt-cv-href-thumbnail pt-cv-thumb-default\" target=\"_self\" ><\/a>\n<div class=\"pt-cv-taxoterm above_title\"><a href='https:\/\/www.dmsjuridica.com\/buscador_20179478954\/corteconstitucionalcronologico202454587\/category\/buscar-en-toda-la-corte\/2004\/tutelas-2004\/' title='Tutelas 2004' class='pt-cv-tax-tutelas-2004'>Tutelas 2004<\/a><\/div>\n<h4 class=\"pt-cv-title\"><a href=\"https:\/\/www.dmsjuridica.com\/buscador_20179478954\/corteconstitucionalcronologico202454587\/t-725-04\/\" class=\"_self\" target=\"_self\" >T-725-04<\/a><\/h4>\n<div class=\"pt-cv-content\">\u00a0 \u00a0 Sentencia T-725\/04 \u00a0 ARCHIPIELAGO DE SAN ANDRES-Control poblacional \u00a0 FAMILIA-Concepto que se protege en Constituci\u00f3n Pol\u00edtica de 1991\/REGIMEN ESPECIAL DE CONTROL DE DENSIDAD POBLACIONAL EN ARCHIPIELAGO DE SAN ANDRES-Normas no pueden hacerse extensivas a parejas homosexuales \u00a0 Las disposiciones se refieren al derecho de residencia de los c\u00f3nyuges o compa\u00f1eros permanentes, expresiones que, en nuestro r\u00e9gimen jur\u00eddico, no resultan aplicables a las parejas homosexuales. Estas normas tienen sustento en la protecci\u00f3n especial de la familia prevista en la Constituci\u00f3n, y se orientan a impedir que en raz\u00f3n del r\u00e9gimen de control especial de residencia del archipi\u00e9lago, las familias ...<br \/><div class=\"pt-cv-rmwrap\"><a href=\"https:\/\/www.dmsjuridica.com\/buscador_20179478954\/corteconstitucionalcronologico202454587\/t-725-04\/\" class=\"_self pt-cv-readmore btn btn-success\" target=\"_self\">Ver Sentencia Completa...<\/a><\/div><\/div><\/div><\/div>\n<div class=\"col-md-12 col-sm-12 col-xs-12 pt-cv-content-item pt-cv-1-col\" ><div class='pt-cv-ifield'><a href=\"https:\/\/www.dmsjuridica.com\/buscador_20179478954\/corteconstitucionalcronologico202454587\/t-717-04\/\" class=\"_self pt-cv-href-thumbnail pt-cv-thumb-default\" target=\"_self\" ><\/a>\n<div class=\"pt-cv-taxoterm above_title\"><a href='https:\/\/www.dmsjuridica.com\/buscador_20179478954\/corteconstitucionalcronologico202454587\/category\/buscar-en-toda-la-corte\/2004\/tutelas-2004\/' title='Tutelas 2004' class='pt-cv-tax-tutelas-2004'>Tutelas 2004<\/a><\/div>\n<h4 class=\"pt-cv-title\"><a href=\"https:\/\/www.dmsjuridica.com\/buscador_20179478954\/corteconstitucionalcronologico202454587\/t-717-04\/\" class=\"_self\" target=\"_self\" >T-717-04<\/a><\/h4>\n<div class=\"pt-cv-content\">\u00a0 \u00a0 Sentencia T-717\/04 \u00a0 CONSEJO DE ADMINISTRACION DE CONJUNTO RESIDENCIAL-Miembros deben ser elegidos de acuerdo al cuociente electoral \u00a0 ACCION DE TUTELA CONTRA PARTICULARES-Procedencia frente a la asamblea de copropietarios\/ACCION DE TUTELA CONTRA ADMINISTRACION Y REGLAMENTOS DE LAS COPROPIEDADES\/ACCION DE TUTELA-Procedencia en caso de presentarse controversia por decisiones adoptadas por los \u00f3rganos de direcci\u00f3n y administraci\u00f3n de la propiedad horizontal \u00a0 El ordenamiento que regula la propiedad horizontal en Colombia ha previsto los mecanismos de justicia ordinaria por medio de los cuales el que se sienta afectado por una decisi\u00f3n de dicho car\u00e1cter, puede controvertirla, solicitando incluso su suspensi\u00f3n ...<br \/><div class=\"pt-cv-rmwrap\"><a href=\"https:\/\/www.dmsjuridica.com\/buscador_20179478954\/corteconstitucionalcronologico202454587\/t-717-04\/\" class=\"_self pt-cv-readmore btn btn-success\" target=\"_self\">Ver Sentencia Completa...<\/a><\/div><\/div><\/div><\/div>\n<div class=\"col-md-12 col-sm-12 col-xs-12 pt-cv-content-item pt-cv-1-col\" ><div class='pt-cv-ifield'><a href=\"https:\/\/www.dmsjuridica.com\/buscador_20179478954\/corteconstitucionalcronologico202454587\/t-716-04\/\" class=\"_self pt-cv-href-thumbnail pt-cv-thumb-default\" target=\"_self\" ><\/a>\n<div class=\"pt-cv-taxoterm above_title\"><a href='https:\/\/www.dmsjuridica.com\/buscador_20179478954\/corteconstitucionalcronologico202454587\/category\/buscar-en-toda-la-corte\/2004\/tutelas-2004\/' title='Tutelas 2004' class='pt-cv-tax-tutelas-2004'>Tutelas 2004<\/a><\/div>\n<h4 class=\"pt-cv-title\"><a href=\"https:\/\/www.dmsjuridica.com\/buscador_20179478954\/corteconstitucionalcronologico202454587\/t-716-04\/\" class=\"_self\" target=\"_self\" >T-716-04<\/a><\/h4>\n<div class=\"pt-cv-content\">\u00a0 \u00a0 Sentencia T-716\/04 \u00a0 ACCION DE TUTELA-Improcedencia general pago de acreencias laborales de extrabajadores \u00a0 La Corte no encuentra que se configuren los presupuestos aceptados por la jurisprudencia constitucional para que los ex-trabajadores reclamen por v\u00eda de tutela el pago de acreencias laborales, pues valorada la naturaleza de las prestaciones econ\u00f3micas reclamadas, el tiempo que ha trascurrido desde que se generaron y la omisi\u00f3n de los actores en iniciar con prontitud las acciones judiciales del caso, no se vislumbra que los demandantes est\u00e9n ante un inminente perjuicio irremediable por afectaci\u00f3n de su m\u00ednimo vital, tal como se aleg\u00f3 en ...<br \/><div class=\"pt-cv-rmwrap\"><a href=\"https:\/\/www.dmsjuridica.com\/buscador_20179478954\/corteconstitucionalcronologico202454587\/t-716-04\/\" class=\"_self pt-cv-readmore btn btn-success\" target=\"_self\">Ver Sentencia Completa...<\/a><\/div><\/div><\/div><\/div>\n<div class=\"col-md-12 col-sm-12 col-xs-12 pt-cv-content-item pt-cv-1-col\" ><div class='pt-cv-ifield'><a href=\"https:\/\/www.dmsjuridica.com\/buscador_20179478954\/corteconstitucionalcronologico202454587\/t-715-04\/\" class=\"_self pt-cv-href-thumbnail pt-cv-thumb-default\" target=\"_self\" ><\/a>\n<div class=\"pt-cv-taxoterm above_title\"><a href='https:\/\/www.dmsjuridica.com\/buscador_20179478954\/corteconstitucionalcronologico202454587\/category\/buscar-en-toda-la-corte\/2004\/tutelas-2004\/' title='Tutelas 2004' class='pt-cv-tax-tutelas-2004'>Tutelas 2004<\/a><\/div>\n<h4 class=\"pt-cv-title\"><a href=\"https:\/\/www.dmsjuridica.com\/buscador_20179478954\/corteconstitucionalcronologico202454587\/t-715-04\/\" class=\"_self\" target=\"_self\" >T-715-04<\/a><\/h4>\n<div class=\"pt-cv-content\">\u00a0 \u00a0 Sentencia T-715\/04 \u00a0 ACCION DE TUTELA CONTRA PARTICULARES-Indefensi\u00f3n \u00a0 Es procedente la acci\u00f3n de tutela en contra de particulares, en raz\u00f3n a que, tal y como sucede en el caso que ahora se somete a consideraci\u00f3n de la Sala, el empleador puso al demandante en una situaci\u00f3n de indefensi\u00f3n, al imponerle cl\u00e1usulas de una convenci\u00f3n que su sindicato no acord\u00f3 y disminuir un monto determinado de su salario para cubrir cuotas de sindicatos a los cuales \u00e9l no pertenece. \u00a0 DERECHO DE ASOCIACION SINDICAL-Alcance\/LIBERTAD DE ASOCIACION SINDICAL-Alcance \u00a0 CONVENCION COLECTIVA-Vigencia \u00a0 CONVENCION COLECTIVA Y TRIBUNAL DE ARBITRAMENTO \u00a0 ...<br \/><div class=\"pt-cv-rmwrap\"><a href=\"https:\/\/www.dmsjuridica.com\/buscador_20179478954\/corteconstitucionalcronologico202454587\/t-715-04\/\" class=\"_self pt-cv-readmore btn btn-success\" target=\"_self\">Ver Sentencia Completa...<\/a><\/div><\/div><\/div><\/div>\n<div class=\"col-md-12 col-sm-12 col-xs-12 pt-cv-content-item pt-cv-1-col\" ><div class='pt-cv-ifield'><a href=\"https:\/\/www.dmsjuridica.com\/buscador_20179478954\/corteconstitucionalcronologico202454587\/t-714-04\/\" class=\"_self pt-cv-href-thumbnail pt-cv-thumb-default\" target=\"_self\" ><\/a>\n<div class=\"pt-cv-taxoterm above_title\"><a href='https:\/\/www.dmsjuridica.com\/buscador_20179478954\/corteconstitucionalcronologico202454587\/category\/buscar-en-toda-la-corte\/2004\/tutelas-2004\/' title='Tutelas 2004' class='pt-cv-tax-tutelas-2004'>Tutelas 2004<\/a><\/div>\n<h4 class=\"pt-cv-title\"><a href=\"https:\/\/www.dmsjuridica.com\/buscador_20179478954\/corteconstitucionalcronologico202454587\/t-714-04\/\" class=\"_self\" target=\"_self\" >T-714-04<\/a><\/h4>\n<div class=\"pt-cv-content\">\u00a0 \u00a0 Sentencia T-714\/04 \u00a0 DERECHO A LA SALUD-Pr\u00e1ctica de cirug\u00eda y cobro de cuota de recuperaci\u00f3n \u00a0 REGIMEN SUBSIDIADO DE SEGURIDAD SOCIAL EN SALUD \u00a0 CAPACIDAD ECONOMICA EN CASOS DE SALUD-Reglas probatorias empleadas por la Corte \u00a0 PRINCIPIO DE PROPORCIONALIDAD EN SALUD Y PRINCIPIO DE CARGAS SOPORTABLES E INCAPACIDAD ECONOMICA \u00a0 La Corte ha establecido en reiteradas oportunidades que si el costo de la prestaci\u00f3n de salud afecta los recursos econ\u00f3micos que permiten cubrir el m\u00ednimo vital del afiliado, la obligaci\u00f3n que a \u00e9l le compete resulta desproporcionada e incompatible con el principio de cargas soportables y los objetivos ...<br \/><div class=\"pt-cv-rmwrap\"><a href=\"https:\/\/www.dmsjuridica.com\/buscador_20179478954\/corteconstitucionalcronologico202454587\/t-714-04\/\" class=\"_self pt-cv-readmore btn btn-success\" target=\"_self\">Ver Sentencia Completa...<\/a><\/div><\/div><\/div><\/div>\n<div class=\"col-md-12 col-sm-12 col-xs-12 pt-cv-content-item pt-cv-1-col\" ><div class='pt-cv-ifield'><a href=\"https:\/\/www.dmsjuridica.com\/buscador_20179478954\/corteconstitucionalcronologico202454587\/t-713-04\/\" class=\"_self pt-cv-href-thumbnail pt-cv-thumb-default\" target=\"_self\" ><\/a>\n<div class=\"pt-cv-taxoterm above_title\"><a href='https:\/\/www.dmsjuridica.com\/buscador_20179478954\/corteconstitucionalcronologico202454587\/category\/buscar-en-toda-la-corte\/2004\/tutelas-2004\/' title='Tutelas 2004' class='pt-cv-tax-tutelas-2004'>Tutelas 2004<\/a><\/div>\n<h4 class=\"pt-cv-title\"><a href=\"https:\/\/www.dmsjuridica.com\/buscador_20179478954\/corteconstitucionalcronologico202454587\/t-713-04\/\" class=\"_self\" target=\"_self\" >T-713-04<\/a><\/h4>\n<div class=\"pt-cv-content\">\u00a0 \u00a0 Sentencia T-713\/04 \u00a0 REGIMEN LEGAL DEL SUBSIDIO FAMILIAR-Alcance \u00a0 SUBSIDIO FAMILIAR-Pago corresponde a la Caja de Compensaci\u00f3n \u00a0 DERECHO AL SUBSIDIO FAMILIAR DEL NI\u00d1O-Procedencia por tutela \u00a0 ACCION DE TUTELA-Hecho superado por pago del subsidio familiar \u00a0 Referencia: expediente T-858273 \u00a0 Acciones de tutela instauradas por Juan de Jes\u00fas Villamizar Vargas, Arist\u00f3bulo Ravelo Corzo, Juan de Jes\u00fas Celis, Ana Leonor Rojas Merch\u00e1n y Sa\u00fal Su\u00e1rez Galvis, contra la Alcald\u00eda Municipal de M\u00e1laga \u00a0 Magistrado Ponente (e): \u00a0 Dr. RODRIGO UPRIMNY YEPES \u00a0 Bogot\u00e1, D. C., treinta (30) de julio de dos mil cuatro (2004) \u00a0 La Sala S\u00e9ptima ...<br \/><div class=\"pt-cv-rmwrap\"><a href=\"https:\/\/www.dmsjuridica.com\/buscador_20179478954\/corteconstitucionalcronologico202454587\/t-713-04\/\" class=\"_self pt-cv-readmore btn btn-success\" target=\"_self\">Ver Sentencia Completa...<\/a><\/div><\/div><\/div><\/div>\n<div class=\"col-md-12 col-sm-12 col-xs-12 pt-cv-content-item pt-cv-1-col\" ><div class='pt-cv-ifield'><a href=\"https:\/\/www.dmsjuridica.com\/buscador_20179478954\/corteconstitucionalcronologico202454587\/t-712-04\/\" class=\"_self pt-cv-href-thumbnail pt-cv-thumb-default\" target=\"_self\" ><\/a>\n<div class=\"pt-cv-taxoterm above_title\"><a href='https:\/\/www.dmsjuridica.com\/buscador_20179478954\/corteconstitucionalcronologico202454587\/category\/buscar-en-toda-la-corte\/2004\/tutelas-2004\/' title='Tutelas 2004' class='pt-cv-tax-tutelas-2004'>Tutelas 2004<\/a><\/div>\n<h4 class=\"pt-cv-title\"><a href=\"https:\/\/www.dmsjuridica.com\/buscador_20179478954\/corteconstitucionalcronologico202454587\/t-712-04\/\" class=\"_self\" target=\"_self\" >T-712-04<\/a><\/h4>\n<div class=\"pt-cv-content\">\u00a0 \u00a0 Sentencia T-712\/04 \u00a0 ACCION DE TUTELA-Subsidiariedad \u00a0 ACCION DE TUTELA CONTRA EMPRESA DE SERVICIOS PUBLICOS DOMICILIARIOS-Conexidad con derechos fundamentales \u00a0 Se advierte que si bien la Corte ha reconocido la viabilidad de la acci\u00f3n de tutela para proteger los derechos de los usuarios de los servicios p\u00fablicos domiciliarios, esa protecci\u00f3n se ha supeditado a la conexidad entre tales derechos y derechos fundamentales pues de lo contrario se estar\u00eda extendiendo el amparo a situaciones que no implican vulneraci\u00f3n de derechos de tal \u00edndole y se estar\u00edan desconociendo los mecanismos legales y administrativos previstos para protegerlos\u201d. No basta, entonces, que ...<br \/><div class=\"pt-cv-rmwrap\"><a href=\"https:\/\/www.dmsjuridica.com\/buscador_20179478954\/corteconstitucionalcronologico202454587\/t-712-04\/\" class=\"_self pt-cv-readmore btn btn-success\" target=\"_self\">Ver Sentencia Completa...<\/a><\/div><\/div><\/div><\/div>\n<div class=\"col-md-12 col-sm-12 col-xs-12 pt-cv-content-item pt-cv-1-col\" ><div class='pt-cv-ifield'><a href=\"https:\/\/www.dmsjuridica.com\/buscador_20179478954\/corteconstitucionalcronologico202454587\/t-711-04\/\" class=\"_self pt-cv-href-thumbnail pt-cv-thumb-default\" target=\"_self\" ><\/a>\n<div class=\"pt-cv-taxoterm above_title\"><a href='https:\/\/www.dmsjuridica.com\/buscador_20179478954\/corteconstitucionalcronologico202454587\/category\/buscar-en-toda-la-corte\/2004\/tutelas-2004\/' title='Tutelas 2004' class='pt-cv-tax-tutelas-2004'>Tutelas 2004<\/a><\/div>\n<h4 class=\"pt-cv-title\"><a href=\"https:\/\/www.dmsjuridica.com\/buscador_20179478954\/corteconstitucionalcronologico202454587\/t-711-04\/\" class=\"_self\" target=\"_self\" >T-711-04<\/a><\/h4>\n<div class=\"pt-cv-content\">\u00a0 \u00a0 Sentencia T-711\/04 \u00a0 ACCION DE TUTELA TRANSITORIA-Existencia de perjuicio irremediable \u00a0 PERJUICIO IRREMEDIABLE-Elementos \u00a0 ACCION DE TUTELA-Improcedencia general reajuste o reliquidaci\u00f3n pensional \u00a0 ACCION DE TUTELA TRANSITORIA-Requisitos para que proceda respecto a reajuste pensional\/ACCION DE TUTELA TRANSITORIA-No basta que el actor haya llegado a la tercera edad para obtener el derecho al reajuste \u00a0 REGIMEN PENSIONAL DE CONGRESISTAS-Alcance\/REGIMEN PENSIONAL DE CONGRESISTAS-Homologaci\u00f3n a Magistrados de Altas Cortes \u00a0 ACCION DE TUTELA-Improcedencia de reajuste pensional por cuanto el actor no fue pensionado en calidad de magistrado \u00a0 ACCION DE TUTELA-Subsidiariedad\/MEDIO DE DEFENSA JUDICIAL EFICAZ-Reajuste pensional\/ACCION DE TUTELA TRANSITORIA-Inexistencia de perjuicio ...<br \/><div class=\"pt-cv-rmwrap\"><a href=\"https:\/\/www.dmsjuridica.com\/buscador_20179478954\/corteconstitucionalcronologico202454587\/t-711-04\/\" class=\"_self pt-cv-readmore btn btn-success\" target=\"_self\">Ver Sentencia Completa...<\/a><\/div><\/div><\/div><\/div>\n<div class=\"col-md-12 col-sm-12 col-xs-12 pt-cv-content-item pt-cv-1-col\" ><div class='pt-cv-ifield'><a href=\"https:\/\/www.dmsjuridica.com\/buscador_20179478954\/corteconstitucionalcronologico202454587\/t-710-04\/\" class=\"_self pt-cv-href-thumbnail pt-cv-thumb-default\" target=\"_self\" ><\/a>\n<div class=\"pt-cv-taxoterm above_title\"><a href='https:\/\/www.dmsjuridica.com\/buscador_20179478954\/corteconstitucionalcronologico202454587\/category\/buscar-en-toda-la-corte\/2004\/tutelas-2004\/' title='Tutelas 2004' class='pt-cv-tax-tutelas-2004'>Tutelas 2004<\/a><\/div>\n<h4 class=\"pt-cv-title\"><a href=\"https:\/\/www.dmsjuridica.com\/buscador_20179478954\/corteconstitucionalcronologico202454587\/t-710-04\/\" class=\"_self\" target=\"_self\" >T-710-04<\/a><\/h4>\n<div class=\"pt-cv-content\">\u00a0 \u00a0 Sentencia T-710\/04 \u00a0 PLAN OBLIGATORIO DE SALUD Y CONTRATO DE MEDICINA PREPAGADA-Exclusi\u00f3n de tratamiento de di\u00e1lisis \u00a0 DERECHO A LA SALUD-Tratamiento de di\u00e1lisis sin cumplir periodo m\u00ednimo de cotizaci\u00f3n \u00a0 Referencia: expediente T-872636 \u00a0 Acci\u00f3n de tutela instaurada por Mar\u00eda Elena Vargas contra Salud COOMEVA Medicina Prepagada S.A.\u00a0 \u00a0 Magistrado Ponente:\u00a0 \u00a0 Dr. JAIME C\u00d3RDOBA TRIVI\u00d1O \u00a0 Bogot\u00e1, D. C., treinta (30) de julio de dos mil cuatro (2004).\u00a0 \u00a0 La Sala Cuarta de Revisi\u00f3n de la Corte Constitucional, integrada por los magistrados Jaime C\u00f3rdoba Trivi\u00f1o, Rodrigo Escobar Gil y Marco Gerardo Monroy Cabra, en ejercicio de sus ...<br \/><div class=\"pt-cv-rmwrap\"><a href=\"https:\/\/www.dmsjuridica.com\/buscador_20179478954\/corteconstitucionalcronologico202454587\/t-710-04\/\" class=\"_self pt-cv-readmore btn btn-success\" target=\"_self\">Ver Sentencia Completa...<\/a><\/div><\/div><\/div><\/div>\n<div class=\"col-md-12 col-sm-12 col-xs-12 pt-cv-content-item pt-cv-1-col\" ><div class='pt-cv-ifield'><a href=\"https:\/\/www.dmsjuridica.com\/buscador_20179478954\/corteconstitucionalcronologico202454587\/t-709-04\/\" class=\"_self pt-cv-href-thumbnail pt-cv-thumb-default\" target=\"_self\" ><\/a>\n<div class=\"pt-cv-taxoterm above_title\"><a href='https:\/\/www.dmsjuridica.com\/buscador_20179478954\/corteconstitucionalcronologico202454587\/category\/buscar-en-toda-la-corte\/2004\/tutelas-2004\/' title='Tutelas 2004' class='pt-cv-tax-tutelas-2004'>Tutelas 2004<\/a><\/div>\n<h4 class=\"pt-cv-title\"><a href=\"https:\/\/www.dmsjuridica.com\/buscador_20179478954\/corteconstitucionalcronologico202454587\/t-709-04\/\" class=\"_self\" target=\"_self\" >T-709-04<\/a><\/h4>\n<div class=\"pt-cv-content\">\u00a0 \u00a0 Sentencia T-709\/04 \u00a0 ACCION DE TUTELA-Hecho superado por atenci\u00f3n m\u00e9dica \u00a0 Reiteraci\u00f3n de jurisprudencia \u00a0 Referencia: expediente T-875406 \u00a0 Acci\u00f3n de tutela instaurada por Ruth Mery Vargas Mart\u00ednez y Ricardo Manrique Granados contra Saludcoop\u00a0 \u00a0 Dr. MANUEL JOS\u00c9 CEPEDA ESPINOSA \u00a0 Bogot\u00e1, D. C., veintinueve (29) de julio de dos mil cuatro (2004). \u00a0 1. Ruth Mery Vargas Mart\u00ednez interpuso acci\u00f3n de tutela contra Saludcoop junto con su compa\u00f1ero permanente, Ricardo Manrique Granados, por considerar que se le est\u00e1n violando los derechos a la vida y a la salud al neg\u00e1rsele a ella el tratamiento que requiere con ...<br \/><div class=\"pt-cv-rmwrap\"><a href=\"https:\/\/www.dmsjuridica.com\/buscador_20179478954\/corteconstitucionalcronologico202454587\/t-709-04\/\" class=\"_self pt-cv-readmore btn btn-success\" target=\"_self\">Ver Sentencia Completa...<\/a><\/div><\/div><\/div><\/div>\n<div class=\"col-md-12 col-sm-12 col-xs-12 pt-cv-content-item pt-cv-1-col\" ><div class='pt-cv-ifield'><a href=\"https:\/\/www.dmsjuridica.com\/buscador_20179478954\/corteconstitucionalcronologico202454587\/t-708-04\/\" class=\"_self pt-cv-href-thumbnail pt-cv-thumb-default\" target=\"_self\" ><\/a>\n<div class=\"pt-cv-taxoterm above_title\"><a href='https:\/\/www.dmsjuridica.com\/buscador_20179478954\/corteconstitucionalcronologico202454587\/category\/buscar-en-toda-la-corte\/2004\/tutelas-2004\/' title='Tutelas 2004' class='pt-cv-tax-tutelas-2004'>Tutelas 2004<\/a><\/div>\n<h4 class=\"pt-cv-title\"><a href=\"https:\/\/www.dmsjuridica.com\/buscador_20179478954\/corteconstitucionalcronologico202454587\/t-708-04\/\" class=\"_self\" target=\"_self\" >T-708-04<\/a><\/h4>\n<div class=\"pt-cv-content\">\u00a0 \u00a0 Sentencia T-708\/04 \u00a0 ACCION DE TUTELA-Protecci\u00f3n de derechos fundamentales de revoladores o pregoneros \u00a0 DEBIDO PROCESO-Se debe tener en cuenta en la recuperaci\u00f3n de espacios\/DEBIDO PROCESO-Se les debe seguir a los revoladores o pregoneros para el ejercicio de su oficio \u00a0 Toda politica estatal, encaminada a la recuperaci\u00f3n de espacios, cualquiera fuere su objetivo, comporte la sujeci\u00f3n al debido proceso, no s\u00f3lo porque todas las actuaciones administrativas asi lo requieren, sino porque las medidas estatales tienen que considerar las particularidades de cada uno de sus destinatarios directos, a fin de no violentar sus derechos y de llegar a ...<br \/><div class=\"pt-cv-rmwrap\"><a href=\"https:\/\/www.dmsjuridica.com\/buscador_20179478954\/corteconstitucionalcronologico202454587\/t-708-04\/\" class=\"_self pt-cv-readmore btn btn-success\" target=\"_self\">Ver Sentencia Completa...<\/a><\/div><\/div><\/div><\/div>\n<div class=\"col-md-12 col-sm-12 col-xs-12 pt-cv-content-item pt-cv-1-col\" ><div class='pt-cv-ifield'><a href=\"https:\/\/www.dmsjuridica.com\/buscador_20179478954\/corteconstitucionalcronologico202454587\/t-707-04\/\" class=\"_self pt-cv-href-thumbnail pt-cv-thumb-default\" target=\"_self\" ><\/a>\n<div class=\"pt-cv-taxoterm above_title\"><a href='https:\/\/www.dmsjuridica.com\/buscador_20179478954\/corteconstitucionalcronologico202454587\/category\/buscar-en-toda-la-corte\/2004\/tutelas-2004\/' title='Tutelas 2004' class='pt-cv-tax-tutelas-2004'>Tutelas 2004<\/a><\/div>\n<h4 class=\"pt-cv-title\"><a href=\"https:\/\/www.dmsjuridica.com\/buscador_20179478954\/corteconstitucionalcronologico202454587\/t-707-04\/\" class=\"_self\" target=\"_self\" >T-707-04<\/a><\/h4>\n<div class=\"pt-cv-content\">\u00a0 \u00a0 Sentencia T-707\/04 \u00a0 DEBIDO PROCESO-Posibilidad de ataque y defensa de las partes \u00a0 El debido proceso y el derecho a la igualdad se concretan en que todas las partes cuenten con posibilidades de ataque y defensa, de suerte que los jueces deber\u00e1n posibilitar la intervenci\u00f3n del demandado y no exigirle requisitos innecesarios y menos acompa\u00f1ar sus imposiciones de consecuencias que aminoren o anulen su comparecencia; salvo que se trate de imperativos jur\u00eddicos de conducta, en orden a la adecuada realizaci\u00f3n del proceso, los que tampoco \u201cpueden desconocer las garant\u00edas constitucionales consagradas en la Constituci\u00f3n\u201d. \u00a0 JUEZ-Concesi\u00f3n de t\u00e9rmino ...<br \/><div class=\"pt-cv-rmwrap\"><a href=\"https:\/\/www.dmsjuridica.com\/buscador_20179478954\/corteconstitucionalcronologico202454587\/t-707-04\/\" class=\"_self pt-cv-readmore btn btn-success\" target=\"_self\">Ver Sentencia Completa...<\/a><\/div><\/div><\/div><\/div>\n<div class=\"col-md-12 col-sm-12 col-xs-12 pt-cv-content-item pt-cv-1-col\" ><div class='pt-cv-ifield'><a href=\"https:\/\/www.dmsjuridica.com\/buscador_20179478954\/corteconstitucionalcronologico202454587\/t-706-04\/\" class=\"_self pt-cv-href-thumbnail pt-cv-thumb-default\" target=\"_self\" ><\/a>\n<div class=\"pt-cv-taxoterm above_title\"><a href='https:\/\/www.dmsjuridica.com\/buscador_20179478954\/corteconstitucionalcronologico202454587\/category\/buscar-en-toda-la-corte\/2004\/tutelas-2004\/' title='Tutelas 2004' class='pt-cv-tax-tutelas-2004'>Tutelas 2004<\/a><\/div>\n<h4 class=\"pt-cv-title\"><a href=\"https:\/\/www.dmsjuridica.com\/buscador_20179478954\/corteconstitucionalcronologico202454587\/t-706-04\/\" class=\"_self\" target=\"_self\" >T-706-04<\/a><\/h4>\n<div class=\"pt-cv-content\">\u00a0 \u00a0 Sentencia T-706\/04 \u00a0 ACCION DE TUTELA-Hecho superado por cambio de marcapasos \u00a0 Acci\u00f3n de tutela instaurada por Marina Grice de Marrugo contra La Caja Nacional de Previsi\u00f3n Social \u201cCajanal\u201d, EPS Seccional Bol\u00edvar. \u00a0 \u00a0 \u00a0 Magistrado Ponente: \u00a0 Dr. JAIME ARA\u00daJO RENTER\u00cdA \u00a0 Bogot\u00e1, D. C., veintinueve (29) de Julio de dos mil cuatro (2004). \u00a0 La Sala Primera de Revisi\u00f3n de la Corte Constitucional, integrada por los Magistrados ALFREDO BELTRAN SIERRA, MANUEL JOSE CEPEDA ESPINOSA y JAIME ARA\u00daJO RENTER\u00cdA, en ejercicio de sus competencias constitucionales y legales, ha proferido la siguiente: \u00a0 SENTENCIA \u00a0 dentro del tr\u00e1mite ...<br \/><div class=\"pt-cv-rmwrap\"><a href=\"https:\/\/www.dmsjuridica.com\/buscador_20179478954\/corteconstitucionalcronologico202454587\/t-706-04\/\" class=\"_self pt-cv-readmore btn btn-success\" target=\"_self\">Ver Sentencia Completa...<\/a><\/div><\/div><\/div><\/div>\n<div class=\"col-md-12 col-sm-12 col-xs-12 pt-cv-content-item pt-cv-1-col\" ><div class='pt-cv-ifield'><a href=\"https:\/\/www.dmsjuridica.com\/buscador_20179478954\/corteconstitucionalcronologico202454587\/t-705-04\/\" class=\"_self pt-cv-href-thumbnail pt-cv-thumb-default\" target=\"_self\" ><\/a>\n<div class=\"pt-cv-taxoterm above_title\"><a href='https:\/\/www.dmsjuridica.com\/buscador_20179478954\/corteconstitucionalcronologico202454587\/category\/buscar-en-toda-la-corte\/2004\/tutelas-2004\/' title='Tutelas 2004' class='pt-cv-tax-tutelas-2004'>Tutelas 2004<\/a><\/div>\n<h4 class=\"pt-cv-title\"><a href=\"https:\/\/www.dmsjuridica.com\/buscador_20179478954\/corteconstitucionalcronologico202454587\/t-705-04\/\" class=\"_self\" target=\"_self\" >T-705-04<\/a><\/h4>\n<div class=\"pt-cv-content\">\u00a0 \u00a0 Sentencia T-705\/04 \u00a0 ACCION DE TUTELA TRANSITORIA-Existencia de perjuicio irremediable \u00a0 PERJUICIO IRREMEDIABLE Y PERSONA DE LA TERCERA EDAD-Interpretaci\u00f3n \u00a0 ACCION DE TUTELA TRANSITORIA-Inexistencia de perjuicio irremediable \u00a0 A juicio de la Corte y del examen del material probatorio allegado a la demanda y su contestaci\u00f3n se desprende que no existe evidencia sobre la configuraci\u00f3n de una situaci\u00f3n como la que aduce el actor. M\u00e1s all\u00e1 de las afirmaciones del peticionario, no existen medios de convicci\u00f3n que hagan plausible su demanda en tanto mecanismo transitorio; por tanto, la soluci\u00f3n no puede ser otra que su improcedencia. \u00a0 PERSONA ...<br \/><div class=\"pt-cv-rmwrap\"><a href=\"https:\/\/www.dmsjuridica.com\/buscador_20179478954\/corteconstitucionalcronologico202454587\/t-705-04\/\" class=\"_self pt-cv-readmore btn btn-success\" target=\"_self\">Ver Sentencia Completa...<\/a><\/div><\/div><\/div><\/div>\n<div class=\"col-md-12 col-sm-12 col-xs-12 pt-cv-content-item pt-cv-1-col\" ><div class='pt-cv-ifield'><a href=\"https:\/\/www.dmsjuridica.com\/buscador_20179478954\/corteconstitucionalcronologico202454587\/t-704-04\/\" class=\"_self pt-cv-href-thumbnail pt-cv-thumb-default\" target=\"_self\" ><\/a>\n<div class=\"pt-cv-taxoterm above_title\"><a href='https:\/\/www.dmsjuridica.com\/buscador_20179478954\/corteconstitucionalcronologico202454587\/category\/buscar-en-toda-la-corte\/2004\/tutelas-2004\/' title='Tutelas 2004' class='pt-cv-tax-tutelas-2004'>Tutelas 2004<\/a><\/div>\n<h4 class=\"pt-cv-title\"><a href=\"https:\/\/www.dmsjuridica.com\/buscador_20179478954\/corteconstitucionalcronologico202454587\/t-704-04\/\" class=\"_self\" target=\"_self\" >T-704-04<\/a><\/h4>\n<div class=\"pt-cv-content\">\u00a0 \u00a0 Sentencia T-704\/04 \u00a0 ACCION DE TUTELA CONTRA EMPRESA PROMOTORA DE SALUD Y EMPRESA DE MEDICINA PREPAGADA-Es requisito que el tratamiento y los medicamentos est\u00e9n determinados por el m\u00e9dico tratante \u00a0 Debe entenderse que cuando alguien acude ante este mecanismo de defensa judicial, argumentando que la negativa en la prestaci\u00f3n del servicio m\u00e9dico asistencial requerido, esta afectando sus derechos fundamentales, el juez de tutela deber\u00e1 verificar cual es la raz\u00f3n que sustenta su negativa. En el caso en estudio, respecto a la situaci\u00f3n presentada por el actor en representaci\u00f3n de su menor hija, en cuanto a su afirmaci\u00f3n que ...<br \/><div class=\"pt-cv-rmwrap\"><a href=\"https:\/\/www.dmsjuridica.com\/buscador_20179478954\/corteconstitucionalcronologico202454587\/t-704-04\/\" class=\"_self pt-cv-readmore btn btn-success\" target=\"_self\">Ver Sentencia Completa...<\/a><\/div><\/div><\/div><\/div>\n<div class=\"col-md-12 col-sm-12 col-xs-12 pt-cv-content-item pt-cv-1-col\" ><div class='pt-cv-ifield'><a href=\"https:\/\/www.dmsjuridica.com\/buscador_20179478954\/corteconstitucionalcronologico202454587\/t-703-04\/\" class=\"_self pt-cv-href-thumbnail pt-cv-thumb-default\" target=\"_self\" ><\/a>\n<div class=\"pt-cv-taxoterm above_title\"><a href='https:\/\/www.dmsjuridica.com\/buscador_20179478954\/corteconstitucionalcronologico202454587\/category\/buscar-en-toda-la-corte\/2004\/tutelas-2004\/' title='Tutelas 2004' class='pt-cv-tax-tutelas-2004'>Tutelas 2004<\/a><\/div>\n<h4 class=\"pt-cv-title\"><a href=\"https:\/\/www.dmsjuridica.com\/buscador_20179478954\/corteconstitucionalcronologico202454587\/t-703-04\/\" class=\"_self\" target=\"_self\" >T-703-04<\/a><\/h4>\n<div class=\"pt-cv-content\">\u00a0 \u00a0 Sentencia T-703\/04 \u00a0 DERECHO A LA INFORMACION-No es absoluto\/INFORMACION VERAZ E IMPARCIAL-Deudores \u00a0 HABEAS DATA-Solicitud previa de rectificaci\u00f3n de informaci\u00f3n \u00a0 ACCION DE TUTELA-Improcedencia por no solicitar previamente rectificaci\u00f3n de informaci\u00f3n \u00a0 Referencia: expediente T-921189 \u00a0 Acci\u00f3n de tutela de Wilberto Santiago Molina contra Cooperativa Cooler y Credit\u00edtulos S.A. \u00a0 Procedencia: Juzgado Catorce Civil Municipal de Barranquilla. \u00a0 Magistrado Ponente: \u00a0 Dr. ALFREDO BELTR\u00c1N SIERRA. \u00a0 Bogot\u00e1, D. C., veintinueve (29) de julio de dos mil cuatro (2004). \u00a0 La Sala Segunda de Revisi\u00f3n de la Corte Constitucional, integrada por los magistrados, Alfredo Beltr\u00e1n Sierra, Manuel Jos\u00e9 Cepeda ...<br \/><div class=\"pt-cv-rmwrap\"><a href=\"https:\/\/www.dmsjuridica.com\/buscador_20179478954\/corteconstitucionalcronologico202454587\/t-703-04\/\" class=\"_self pt-cv-readmore btn btn-success\" target=\"_self\">Ver Sentencia Completa...<\/a><\/div><\/div><\/div><\/div>\n<div class=\"col-md-12 col-sm-12 col-xs-12 pt-cv-content-item pt-cv-1-col\" ><div class='pt-cv-ifield'><a href=\"https:\/\/www.dmsjuridica.com\/buscador_20179478954\/corteconstitucionalcronologico202454587\/t-702-04\/\" class=\"_self pt-cv-href-thumbnail pt-cv-thumb-default\" target=\"_self\" ><\/a>\n<div class=\"pt-cv-taxoterm above_title\"><a href='https:\/\/www.dmsjuridica.com\/buscador_20179478954\/corteconstitucionalcronologico202454587\/category\/buscar-en-toda-la-corte\/2004\/tutelas-2004\/' title='Tutelas 2004' class='pt-cv-tax-tutelas-2004'>Tutelas 2004<\/a><\/div>\n<h4 class=\"pt-cv-title\"><a href=\"https:\/\/www.dmsjuridica.com\/buscador_20179478954\/corteconstitucionalcronologico202454587\/t-702-04\/\" class=\"_self\" target=\"_self\" >T-702-04<\/a><\/h4>\n<div class=\"pt-cv-content\">ACCION DE TUTELA CONTRA PROVIDENCIAS JUDICIALES-Procedencia excepcional por v\u00eda de hecho judicial \u00a0 VIA DE HECHO POR DEFECTO FACTICO-Clases \u00a0 En relaci\u00f3n con la v\u00eda de hecho por defecto f\u00e1ctico, \u00e9sta puede ser agrupada en dos clases, la omisiva y la positiva. La primera, se refiere a las omisiones en la valoraci\u00f3n de pruebas que resultan esenciales para determinar o verificar los hechos relacionados con las alegaciones de las partes y que se someten al examen del juez. La segunda, se presenta por la valoraci\u00f3n de pruebas que no se han debido admitir ni valorar en el proceso, por cuanto ...<br \/><div class=\"pt-cv-rmwrap\"><a href=\"https:\/\/www.dmsjuridica.com\/buscador_20179478954\/corteconstitucionalcronologico202454587\/t-702-04\/\" class=\"_self pt-cv-readmore btn btn-success\" target=\"_self\">Ver Sentencia Completa...<\/a><\/div><\/div><\/div><\/div>\n<div class=\"col-md-12 col-sm-12 col-xs-12 pt-cv-content-item pt-cv-1-col\" ><div class='pt-cv-ifield'><a href=\"https:\/\/www.dmsjuridica.com\/buscador_20179478954\/corteconstitucionalcronologico202454587\/t-701-04\/\" class=\"_self pt-cv-href-thumbnail pt-cv-thumb-default\" target=\"_self\" ><\/a>\n<div class=\"pt-cv-taxoterm above_title\"><a href='https:\/\/www.dmsjuridica.com\/buscador_20179478954\/corteconstitucionalcronologico202454587\/category\/buscar-en-toda-la-corte\/2004\/tutelas-2004\/' title='Tutelas 2004' class='pt-cv-tax-tutelas-2004'>Tutelas 2004<\/a><\/div>\n<h4 class=\"pt-cv-title\"><a href=\"https:\/\/www.dmsjuridica.com\/buscador_20179478954\/corteconstitucionalcronologico202454587\/t-701-04\/\" class=\"_self\" target=\"_self\" >T-701-04<\/a><\/h4>\n<div class=\"pt-cv-content\">\u00a0 \u00a0 Sentencia T-701\/04 \u00a0 ACCION DE TUTELA CONTRA PROVIDENCIAS JUDICIALES-Causales gen\u00e9ricas de procedibilidad \u00a0 ACCION DE TUTELA CONTRA PROVIDENCIAS JUDICIALES-Relaci\u00f3n inescindible entre sus causales de procedibilidad y la vulneraci\u00f3n de derechos fundamentales \u00a0 El presupuesto b\u00e1sico para la procedencia del amparo es la vulneraci\u00f3n o la amenaza de vulneraci\u00f3n a un derecho fundamental y en ese sentido puede anotarse que las causales gen\u00e9ricas de procedibilidad de la tutela contra decisiones judiciales deben estar inescindiblemente relacionadas con la vulneraci\u00f3n de derechos fundamentales, lo que implica que para lograr el amparo constitucional, no basta acreditar la concurrencia de una de las ...<br \/><div class=\"pt-cv-rmwrap\"><a href=\"https:\/\/www.dmsjuridica.com\/buscador_20179478954\/corteconstitucionalcronologico202454587\/t-701-04\/\" class=\"_self pt-cv-readmore btn btn-success\" target=\"_self\">Ver Sentencia Completa...<\/a><\/div><\/div><\/div><\/div>\n<div class=\"col-md-12 col-sm-12 col-xs-12 pt-cv-content-item pt-cv-1-col\" ><div class='pt-cv-ifield'><a href=\"https:\/\/www.dmsjuridica.com\/buscador_20179478954\/corteconstitucionalcronologico202454587\/t-699-04\/\" class=\"_self pt-cv-href-thumbnail pt-cv-thumb-default\" target=\"_self\" ><\/a>\n<div class=\"pt-cv-taxoterm above_title\"><a href='https:\/\/www.dmsjuridica.com\/buscador_20179478954\/corteconstitucionalcronologico202454587\/category\/buscar-en-toda-la-corte\/2004\/tutelas-2004\/' title='Tutelas 2004' class='pt-cv-tax-tutelas-2004'>Tutelas 2004<\/a><\/div>\n<h4 class=\"pt-cv-title\"><a href=\"https:\/\/www.dmsjuridica.com\/buscador_20179478954\/corteconstitucionalcronologico202454587\/t-699-04\/\" class=\"_self\" target=\"_self\" >T-699-04<\/a><\/h4>\n<div class=\"pt-cv-content\">\u00a0 \u00a0 Sentencia T-699\/04 \u00a0 DERECHO A LA SALUD Y CONTRATO DE MEDICINA PREPAGADA-Pr\u00e1ctica de cirug\u00eda por no estar expresamente excluida \u00a0 CONTRATO DE MEDICINA PREPAGADA-Naturaleza \u00a0 A pesar de que dichos contratos se enmarcan en la prestaci\u00f3n del servicio p\u00fablico de salud, la jurisprudencia constitucional ha precisado que su naturaleza es contractual. Por ello, los contratos de medicina prepagada se rigen por las normas de derecho privado, especialmente aquellas que obligan a las partes ligadas por el contrato, a ejecutarlo atendiendo a los postulados de la buena fe. En este sentido, los contratantes deben cumplir con todo lo dispuesto ...<br \/><div class=\"pt-cv-rmwrap\"><a href=\"https:\/\/www.dmsjuridica.com\/buscador_20179478954\/corteconstitucionalcronologico202454587\/t-699-04\/\" class=\"_self pt-cv-readmore btn btn-success\" target=\"_self\">Ver Sentencia Completa...<\/a><\/div><\/div><\/div><\/div>\n<div class=\"col-md-12 col-sm-12 col-xs-12 pt-cv-content-item pt-cv-1-col\" ><div class='pt-cv-ifield'><a href=\"https:\/\/www.dmsjuridica.com\/buscador_20179478954\/corteconstitucionalcronologico202454587\/t-698-04\/\" class=\"_self pt-cv-href-thumbnail pt-cv-thumb-default\" target=\"_self\" ><\/a>\n<div class=\"pt-cv-taxoterm above_title\"><a href='https:\/\/www.dmsjuridica.com\/buscador_20179478954\/corteconstitucionalcronologico202454587\/category\/buscar-en-toda-la-corte\/2004\/tutelas-2004\/' title='Tutelas 2004' class='pt-cv-tax-tutelas-2004'>Tutelas 2004<\/a><\/div>\n<h4 class=\"pt-cv-title\"><a href=\"https:\/\/www.dmsjuridica.com\/buscador_20179478954\/corteconstitucionalcronologico202454587\/t-698-04\/\" class=\"_self\" target=\"_self\" >T-698-04<\/a><\/h4>\n<div class=\"pt-cv-content\">\u00a0 \u00a0 Sentencia T-698\/04 \u00a0 ACCION DE TUTELA-Subsidiariedad \u00a0 ACCION DE TUTELA CONTRA PROVIDENCIAS JUDICIALES-Requisitos generales de procedibilidad \u00a0 ACCION DE TUTELA CONTRA PROVIDENCIAS JUDICIALES-Requisitos especiales de procedibilidad \u00a0 DERECHO A LA IGUALDAD-Aplicaci\u00f3n de la misma protecci\u00f3n y trato a quienes est\u00e9n en id\u00e9ntica situaci\u00f3n de hecho \u00a0 El derecho a la igualdad exige como presupuesto de aplicaci\u00f3n concreta, el que las autoridades otorguen la misma protecci\u00f3n y trato a quienes se encuentren en id\u00e9ntica situaci\u00f3n de hecho. \u00a0 PRINCIPIO DE AUTONOMIA JUDICIAL Y PRINCIPIO DE IGUALDAD-Armonizaci\u00f3n \u00a0 El principio de autonom\u00eda judicial exige necesariamente una armonizaci\u00f3n de estos contenidos ...<br \/><div class=\"pt-cv-rmwrap\"><a href=\"https:\/\/www.dmsjuridica.com\/buscador_20179478954\/corteconstitucionalcronologico202454587\/t-698-04\/\" class=\"_self pt-cv-readmore btn btn-success\" target=\"_self\">Ver Sentencia Completa...<\/a><\/div><\/div><\/div><\/div>\n<div class=\"col-md-12 col-sm-12 col-xs-12 pt-cv-content-item pt-cv-1-col\" ><div class='pt-cv-ifield'><a href=\"https:\/\/www.dmsjuridica.com\/buscador_20179478954\/corteconstitucionalcronologico202454587\/t-697-04\/\" class=\"_self pt-cv-href-thumbnail pt-cv-thumb-default\" target=\"_self\" ><\/a>\n<div class=\"pt-cv-taxoterm above_title\"><a href='https:\/\/www.dmsjuridica.com\/buscador_20179478954\/corteconstitucionalcronologico202454587\/category\/buscar-en-toda-la-corte\/2004\/tutelas-2004\/' title='Tutelas 2004' class='pt-cv-tax-tutelas-2004'>Tutelas 2004<\/a><\/div>\n<h4 class=\"pt-cv-title\"><a href=\"https:\/\/www.dmsjuridica.com\/buscador_20179478954\/corteconstitucionalcronologico202454587\/t-697-04\/\" class=\"_self\" target=\"_self\" >T-697-04<\/a><\/h4>\n<div class=\"pt-cv-content\">\u00a0 \u00a0 Sentencia T-697\/04 \u00a0 JUSTICIABILIDAD DE PRESTACIONES EXCLUIDAS DEL PLAN OBLIGATORIO DE SALUD-Criterios para la procedencia de la tutela \u00a0 (i) que la falta del medicamento o tratamiento excluido por la reglamentaci\u00f3n legal o administrativa o no suministrado por no alcanzar el m\u00ednimo de semanas cotizadas, amenace los derechos constitucionales fundamentales a la vida, a la integridad personal o la dignidad del interesado; (ii) que se trate de un medicamento o tratamiento que no pueda ser sustituido por uno de los contemplados en el POS o que, pudiendo ser sustituido, el sustituto no obtenga el mismo nivel de efectividad ...<br \/><div class=\"pt-cv-rmwrap\"><a href=\"https:\/\/www.dmsjuridica.com\/buscador_20179478954\/corteconstitucionalcronologico202454587\/t-697-04\/\" class=\"_self pt-cv-readmore btn btn-success\" target=\"_self\">Ver Sentencia Completa...<\/a><\/div><\/div><\/div><\/div>\n<div class=\"col-md-12 col-sm-12 col-xs-12 pt-cv-content-item pt-cv-1-col\" ><div class='pt-cv-ifield'><a href=\"https:\/\/www.dmsjuridica.com\/buscador_20179478954\/corteconstitucionalcronologico202454587\/t-696-04\/\" class=\"_self pt-cv-href-thumbnail pt-cv-thumb-default\" target=\"_self\" ><\/a>\n<div class=\"pt-cv-taxoterm above_title\"><a href='https:\/\/www.dmsjuridica.com\/buscador_20179478954\/corteconstitucionalcronologico202454587\/category\/buscar-en-toda-la-corte\/2004\/tutelas-2004\/' title='Tutelas 2004' class='pt-cv-tax-tutelas-2004'>Tutelas 2004<\/a><\/div>\n<h4 class=\"pt-cv-title\"><a href=\"https:\/\/www.dmsjuridica.com\/buscador_20179478954\/corteconstitucionalcronologico202454587\/t-696-04\/\" class=\"_self\" target=\"_self\" >T-696-04<\/a><\/h4>\n<div class=\"pt-cv-content\">\u00a0 \u00a0 Sentencia T-696\/04 \u00a0 ACCION DE TUTELA CONTRA PARTICULARES-Procedencia excepcional por v\u00eda de hecho judicial \u00a0 VIA DE HECHO-Defecto sustantivo\/VIA DE HECHO-No se aplic\u00f3 el factor que era en la reliquidaci\u00f3n de pensi\u00f3n del actor \u00a0 Es evidente que el multiplicador utilizado por la Sala Laboral fue 4 y no 4.33 como lo ordena el par\u00e1grafo primero del numeral II del art\u00edculo 20 del acuerdo 049 de 1990. Esto indica que el Tribunal al hacer esta operaci\u00f3n se apart\u00f3 de la normativa y, por lo tanto, incurri\u00f3 en una v\u00eda de hecho por defecto sustantivo, por cuanto no aplic\u00f3 ...<br \/><div class=\"pt-cv-rmwrap\"><a href=\"https:\/\/www.dmsjuridica.com\/buscador_20179478954\/corteconstitucionalcronologico202454587\/t-696-04\/\" class=\"_self pt-cv-readmore btn btn-success\" target=\"_self\">Ver Sentencia Completa...<\/a><\/div><\/div><\/div><\/div>\n<div class=\"col-md-12 col-sm-12 col-xs-12 pt-cv-content-item pt-cv-1-col\" ><div class='pt-cv-ifield'><a href=\"https:\/\/www.dmsjuridica.com\/buscador_20179478954\/corteconstitucionalcronologico202454587\/t-695-04\/\" class=\"_self pt-cv-href-thumbnail pt-cv-thumb-default\" target=\"_self\" ><\/a>\n<div class=\"pt-cv-taxoterm above_title\"><a href='https:\/\/www.dmsjuridica.com\/buscador_20179478954\/corteconstitucionalcronologico202454587\/category\/buscar-en-toda-la-corte\/2004\/tutelas-2004\/' title='Tutelas 2004' class='pt-cv-tax-tutelas-2004'>Tutelas 2004<\/a><\/div>\n<h4 class=\"pt-cv-title\"><a href=\"https:\/\/www.dmsjuridica.com\/buscador_20179478954\/corteconstitucionalcronologico202454587\/t-695-04\/\" class=\"_self\" target=\"_self\" >T-695-04<\/a><\/h4>\n<div class=\"pt-cv-content\">\u00a0 \u00a0 Sentencia T-695\/04 \u00a0 DERECHO DE PETICION FRENTE AL SILENCIO ADMINISTRATIVO NEGATIVO-Deber de resolver la solicitud \u00a0 DERECHO DE PETICION EN VIA GUBERNATIVA-Resoluci\u00f3n de recursos \u00a0 ACCION DE TUTELA-Subsidiariedad \u00a0 ACCION DE TUTELA TRANSITORIA-Existencia de perjuicio irremediable \u00a0 MEDIO DE DEFENSA JUDICIAL EFICAZ-Improcedencia de tutela \u00a0 FUERO SINDICAL-Finalidad\/FUERO SINDICAL-Improcedencia de tutela \u00a0 JUEZ DE TUTELA-No tiene competencia para conocer de conflictos sobre reintegro de trabajadores amparados con fuero sindical \u00a0 ACCION DE TUTELA TRANSITORIA-Procedencia excepcional en casos de fuero sindical por existir perjuicio irremediable \u00a0 La sentencia que acaba de citarse anuncia que la tutela no es mecanismo judicial ...<br \/><div class=\"pt-cv-rmwrap\"><a href=\"https:\/\/www.dmsjuridica.com\/buscador_20179478954\/corteconstitucionalcronologico202454587\/t-695-04\/\" class=\"_self pt-cv-readmore btn btn-success\" target=\"_self\">Ver Sentencia Completa...<\/a><\/div><\/div><\/div><\/div>\n<div class=\"col-md-12 col-sm-12 col-xs-12 pt-cv-content-item pt-cv-1-col\" ><div class='pt-cv-ifield'><a href=\"https:\/\/www.dmsjuridica.com\/buscador_20179478954\/corteconstitucionalcronologico202454587\/t-693-04\/\" class=\"_self pt-cv-href-thumbnail pt-cv-thumb-default\" target=\"_self\" ><\/a>\n<div class=\"pt-cv-taxoterm above_title\"><a href='https:\/\/www.dmsjuridica.com\/buscador_20179478954\/corteconstitucionalcronologico202454587\/category\/buscar-en-toda-la-corte\/2004\/tutelas-2004\/' title='Tutelas 2004' class='pt-cv-tax-tutelas-2004'>Tutelas 2004<\/a><\/div>\n<h4 class=\"pt-cv-title\"><a href=\"https:\/\/www.dmsjuridica.com\/buscador_20179478954\/corteconstitucionalcronologico202454587\/t-693-04\/\" class=\"_self\" target=\"_self\" >T-693-04<\/a><\/h4>\n<div class=\"pt-cv-content\">\u00a0 \u00a0 Sentencia T-693\/04 \u00a0 AGENCIA OFICIOSA-Requisitos \u00a0 Los requisitos exigidos para la prosperidad de la agencia oficiosa son la manifestaci\u00f3n de que se act\u00faa como agente oficioso de otra persona y, la imposibilidad de \u00e9sta de promover directamente la acci\u00f3n constitucional. Estos requisitos se encuentran cumplidos en este caso ya que la accionante declar\u00f3 (fl. 12) actuar en nombre de su padre, y est\u00e1 probado que \u00e9ste se encuentra incapacitado por grave enfermedad que le impide ejercitar por s\u00ed mismo la acci\u00f3n de tutela. \u00a0 PRINCIPIO DE LA CONFIANZA LEGITIMA-Ingreso al SISBEN \u00a0 Si una de las bases es ...<br \/><div class=\"pt-cv-rmwrap\"><a href=\"https:\/\/www.dmsjuridica.com\/buscador_20179478954\/corteconstitucionalcronologico202454587\/t-693-04\/\" class=\"_self pt-cv-readmore btn btn-success\" target=\"_self\">Ver Sentencia Completa...<\/a><\/div><\/div><\/div><\/div>\n<div class=\"col-md-12 col-sm-12 col-xs-12 pt-cv-content-item pt-cv-1-col\" ><div class='pt-cv-ifield'><a href=\"https:\/\/www.dmsjuridica.com\/buscador_20179478954\/corteconstitucionalcronologico202454587\/t-692-04\/\" class=\"_self pt-cv-href-thumbnail pt-cv-thumb-default\" target=\"_self\" ><\/a>\n<div class=\"pt-cv-taxoterm above_title\"><a href='https:\/\/www.dmsjuridica.com\/buscador_20179478954\/corteconstitucionalcronologico202454587\/category\/buscar-en-toda-la-corte\/2004\/tutelas-2004\/' title='Tutelas 2004' class='pt-cv-tax-tutelas-2004'>Tutelas 2004<\/a><\/div>\n<h4 class=\"pt-cv-title\"><a href=\"https:\/\/www.dmsjuridica.com\/buscador_20179478954\/corteconstitucionalcronologico202454587\/t-692-04\/\" class=\"_self\" target=\"_self\" >T-692-04<\/a><\/h4>\n<div class=\"pt-cv-content\">\u00a0 \u00a0 Sentencia T-692\/04 \u00a0 PRESUNCION DE VERACIDAD EN TUTELA-Demandado no rinde informe solicitado por el juez \u00a0 ACCION DE TUTELA-Procedencia excepcional para reconocimiento de derechos pensionales \u00a0 DERECHO DE PETICION-Pronta resoluci\u00f3n\/DERECHO DE PETICION-Resoluci\u00f3n de fondo, clara y precisa \u00a0 SILENCIO ADMINISTRATIVO-No exonera a la administraci\u00f3n de su deber de responder los recursos presentados \u00a0 DERECHO DE PETICION EN VIA GUBERNATIVA-Resoluci\u00f3n de recursos \u00a0 DERECHO DE PETICION EN MATERIA PENSIONAL-T\u00e9rminos para resolver \u00a0 RECURSO DE APELACION-Resoluci\u00f3n por parte de Cajanal \u00a0 Referencia: expediente T-869042 \u00a0 Acci\u00f3n de tutela instaurada por Yesida del Cristo Agamez Acosta contra la Caja Nacional de ...<br \/><div class=\"pt-cv-rmwrap\"><a href=\"https:\/\/www.dmsjuridica.com\/buscador_20179478954\/corteconstitucionalcronologico202454587\/t-692-04\/\" class=\"_self pt-cv-readmore btn btn-success\" target=\"_self\">Ver Sentencia Completa...<\/a><\/div><\/div><\/div><\/div>\n<div class=\"col-md-12 col-sm-12 col-xs-12 pt-cv-content-item pt-cv-1-col\" ><div class='pt-cv-ifield'><a href=\"https:\/\/www.dmsjuridica.com\/buscador_20179478954\/corteconstitucionalcronologico202454587\/t-691-04\/\" class=\"_self pt-cv-href-thumbnail pt-cv-thumb-default\" target=\"_self\" ><\/a>\n<div class=\"pt-cv-taxoterm above_title\"><a href='https:\/\/www.dmsjuridica.com\/buscador_20179478954\/corteconstitucionalcronologico202454587\/category\/buscar-en-toda-la-corte\/2004\/tutelas-2004\/' title='Tutelas 2004' class='pt-cv-tax-tutelas-2004'>Tutelas 2004<\/a><\/div>\n<h4 class=\"pt-cv-title\"><a href=\"https:\/\/www.dmsjuridica.com\/buscador_20179478954\/corteconstitucionalcronologico202454587\/t-691-04\/\" class=\"_self\" target=\"_self\" >T-691-04<\/a><\/h4>\n<div class=\"pt-cv-content\">\u00a0 \u00a0 Sentencia T-691\/04 \u00a0 NOTIFICACION DE SENTENCIAS EN MATERIA PENAL-Medios \u00a0 NOTIFICACION PERSONAL DE SENTENCIAS EN MATERIA PENAL-T\u00e9rmino de tres d\u00edas \u00a0 NOTIFICACION POR EDICTO DE SENTENCIAS EN MATERIA PENAL-Medios \u00a0 VIA DE HECHO-Declaraci\u00f3n desierto recurso de apelaci\u00f3n \u00a0 El fallador que desconoce la notificaci\u00f3n de una sentencia realizada con sujeci\u00f3n al ordenamiento y resuelve de contera abstenerse de resolver el recurso instaurado y sustentado en tiempo, d\u00e1ndole a la comparecencia por fuera de t\u00e9rmino plenos efectos, incurre en v\u00eda de hecho; porque este proceder a la vez que vulnera el derecho a la defensa otorga a uno de ...<br \/><div class=\"pt-cv-rmwrap\"><a href=\"https:\/\/www.dmsjuridica.com\/buscador_20179478954\/corteconstitucionalcronologico202454587\/t-691-04\/\" class=\"_self pt-cv-readmore btn btn-success\" target=\"_self\">Ver Sentencia Completa...<\/a><\/div><\/div><\/div><\/div>\n<div class=\"col-md-12 col-sm-12 col-xs-12 pt-cv-content-item pt-cv-1-col\" ><div class='pt-cv-ifield'><a href=\"https:\/\/www.dmsjuridica.com\/buscador_20179478954\/corteconstitucionalcronologico202454587\/t-690-04\/\" class=\"_self pt-cv-href-thumbnail pt-cv-thumb-default\" target=\"_self\" ><\/a>\n<div class=\"pt-cv-taxoterm above_title\"><a href='https:\/\/www.dmsjuridica.com\/buscador_20179478954\/corteconstitucionalcronologico202454587\/category\/buscar-en-toda-la-corte\/2004\/tutelas-2004\/' title='Tutelas 2004' class='pt-cv-tax-tutelas-2004'>Tutelas 2004<\/a><\/div>\n<h4 class=\"pt-cv-title\"><a href=\"https:\/\/www.dmsjuridica.com\/buscador_20179478954\/corteconstitucionalcronologico202454587\/t-690-04\/\" class=\"_self\" target=\"_self\" >T-690-04<\/a><\/h4>\n<div class=\"pt-cv-content\">\u00a0 \u00a0 Sentencia T-690\/04 \u00a0 DERECHO A NO SER SOMETIDO A TORTURAS NI A TRATOS O PENAS CRUELES, INHUMANOS O DEGRADANTES-Marco constitucional del registro sobre el cuerpo de personas \u00a0 DERECHO A LA DIGNIDAD HUMANA-Respeto a las personas privadas de la libertad \u00a0 DERECHOS DEL INTERNO-Relaci\u00f3n especial de sujeci\u00f3n con el Estado \u00a0 ESTABLECIMIENTO CARCELARIO-Autorizaci\u00f3n de requisas superficiales a internos y visitantes\/ESTABLECIMIENTO CARCELARIO-Prohibici\u00f3n de requisas visuales o por contacto sobre cuerpos desnudos a internos y visitantes \u00a0 ESTABLECIMIENTO CARCELARIO-Tratos crueles, inhumanos y degradantes en la requisa a internos y visitantes \u00a0 DERECHO A LA INTIMIDAD Y DIGNIDAD DEL INTERNO-Requisitos denigrantes\/DERECHO ...<br \/><div class=\"pt-cv-rmwrap\"><a href=\"https:\/\/www.dmsjuridica.com\/buscador_20179478954\/corteconstitucionalcronologico202454587\/t-690-04\/\" class=\"_self pt-cv-readmore btn btn-success\" target=\"_self\">Ver Sentencia Completa...<\/a><\/div><\/div><\/div><\/div>\n<div class=\"col-md-12 col-sm-12 col-xs-12 pt-cv-content-item pt-cv-1-col\" ><div class='pt-cv-ifield'><a href=\"https:\/\/www.dmsjuridica.com\/buscador_20179478954\/corteconstitucionalcronologico202454587\/t-689-04\/\" class=\"_self pt-cv-href-thumbnail pt-cv-thumb-default\" target=\"_self\" ><\/a>\n<div class=\"pt-cv-taxoterm above_title\"><a href='https:\/\/www.dmsjuridica.com\/buscador_20179478954\/corteconstitucionalcronologico202454587\/category\/buscar-en-toda-la-corte\/2004\/tutelas-2004\/' title='Tutelas 2004' class='pt-cv-tax-tutelas-2004'>Tutelas 2004<\/a><\/div>\n<h4 class=\"pt-cv-title\"><a href=\"https:\/\/www.dmsjuridica.com\/buscador_20179478954\/corteconstitucionalcronologico202454587\/t-689-04\/\" class=\"_self\" target=\"_self\" >T-689-04<\/a><\/h4>\n<div class=\"pt-cv-content\">\u00a0 \u00a0 Sentencia T-689\/04 \u00a0 REINTEGRO LABORAL-Improcedencia de tutela para solicitarlo \u00a0 La Corte ha sostenido que la tutela no es el mecanismo id\u00f3neo para obtener el reintegro laboral frente a cualquier tipo de razones de desvinculaci\u00f3n. Solamente cuando se trate de personas en estado de debilidad manifiesta o mujeres en embarazo, prosperar\u00eda la tutela, dado el caso concreto. \u00a0 ESTABILIDAD LABORAL REFORZADA-Casos analizados por la Corte Constitucional \u00a0 REINTEGRO LABORAL CUANDO EMPLEADO SE ENCUENTRA ENFERMO-Casos \u00a0 REINTEGRO LABORAL-Improcedencia de tutela por ser la jurisdicci\u00f3n laboral la competente \u00a0 La tutela no est\u00e1 llamada a prosperar por cuanto no se ...<br \/><div class=\"pt-cv-rmwrap\"><a href=\"https:\/\/www.dmsjuridica.com\/buscador_20179478954\/corteconstitucionalcronologico202454587\/t-689-04\/\" class=\"_self pt-cv-readmore btn btn-success\" target=\"_self\">Ver Sentencia Completa...<\/a><\/div><\/div><\/div><\/div>\n<div class=\"col-md-12 col-sm-12 col-xs-12 pt-cv-content-item pt-cv-1-col\" ><div class='pt-cv-ifield'><a href=\"https:\/\/www.dmsjuridica.com\/buscador_20179478954\/corteconstitucionalcronologico202454587\/t-688-04\/\" class=\"_self pt-cv-href-thumbnail pt-cv-thumb-default\" target=\"_self\" ><\/a>\n<div class=\"pt-cv-taxoterm above_title\"><a href='https:\/\/www.dmsjuridica.com\/buscador_20179478954\/corteconstitucionalcronologico202454587\/category\/buscar-en-toda-la-corte\/2004\/tutelas-2004\/' title='Tutelas 2004' class='pt-cv-tax-tutelas-2004'>Tutelas 2004<\/a><\/div>\n<h4 class=\"pt-cv-title\"><a href=\"https:\/\/www.dmsjuridica.com\/buscador_20179478954\/corteconstitucionalcronologico202454587\/t-688-04\/\" class=\"_self\" target=\"_self\" >T-688-04<\/a><\/h4>\n<div class=\"pt-cv-content\">\u00a0 \u00a0 Sentencia T-688\/04 \u00a0 ACCION DE TUTELA CONTRA PROVIDENCIAS JUDICIALES-Causales de procedencia \u00a0 ACCION DE TUTELA CONTRA PROVIDENCIAS JUDICIALES-Car\u00e1cter excepcional \u00a0 RECURSO DE CASACION-Finalidad \u00a0 RECURSO DE CASACION-Medio id\u00f3neo para protecci\u00f3n de derechos fundamentales \u00a0 ACCION DE TUTELA CONTRA PROVIDENCIAS JUDICIALES-Improcedencia por no ejercicio oportuno de mecanismos de defensa judicial \u00a0 Referencia: expediente T-872746 \u00a0 Acci\u00f3n de tutela instaurada por Mario Rodr\u00edguez Ceferino contra la Sala Civil- Familia- Agraria del Tribunal Superior del Distrito Judicial de Cundinamarca. \u00a0 Magistrada Ponente: \u00a0 Dra. CLARA INES VARGAS HERNANDEZ \u00a0 Bogot\u00e1, D. C., veintid\u00f3s (22) de julio de dos mil cuatro (2004) ...<br \/><div class=\"pt-cv-rmwrap\"><a href=\"https:\/\/www.dmsjuridica.com\/buscador_20179478954\/corteconstitucionalcronologico202454587\/t-688-04\/\" class=\"_self pt-cv-readmore btn btn-success\" target=\"_self\">Ver Sentencia Completa...<\/a><\/div><\/div><\/div><\/div>\n<div class=\"col-md-12 col-sm-12 col-xs-12 pt-cv-content-item pt-cv-1-col\" ><div class='pt-cv-ifield'><a href=\"https:\/\/www.dmsjuridica.com\/buscador_20179478954\/corteconstitucionalcronologico202454587\/t-687-04\/\" class=\"_self pt-cv-href-thumbnail pt-cv-thumb-default\" target=\"_self\" ><\/a>\n<div class=\"pt-cv-taxoterm above_title\"><a href='https:\/\/www.dmsjuridica.com\/buscador_20179478954\/corteconstitucionalcronologico202454587\/category\/buscar-en-toda-la-corte\/2004\/tutelas-2004\/' title='Tutelas 2004' class='pt-cv-tax-tutelas-2004'>Tutelas 2004<\/a><\/div>\n<h4 class=\"pt-cv-title\"><a href=\"https:\/\/www.dmsjuridica.com\/buscador_20179478954\/corteconstitucionalcronologico202454587\/t-687-04\/\" class=\"_self\" target=\"_self\" >T-687-04<\/a><\/h4>\n<div class=\"pt-cv-content\">\u00a0 \u00a0 Sentencia T-687\/04 \u00a0 AGENTE DE TRANSITO-No tiene facultad para retener licencia de conducci\u00f3n \u00a0 AGENTE DE TRANSITO-Funciones de polic\u00eda judicial \u00a0 AGENTE DE TRANSITO-Facultad para retener licencia de conducci\u00f3n falsa \u00a0 Ante la notoriedad de encontrarse ante un documento p\u00fablico falsificado, el agente de tr\u00e1nsito se encontraba facultado para retenerlo, y en cumplimiento de un deber legal, colocarlo a disposici\u00f3n de la autoridad penal competente. \u00a0 AGENTE DE TRANSITO-No tiene facultad para retener c\u00e9dula de ciudadan\u00eda a conductor \u00a0 Estos funcionarios p\u00fablicos carecen de competencia alguna para retenerle la c\u00e9dula de ciudadan\u00eda a un conductor. De tal suerte ...<br \/><div class=\"pt-cv-rmwrap\"><a href=\"https:\/\/www.dmsjuridica.com\/buscador_20179478954\/corteconstitucionalcronologico202454587\/t-687-04\/\" class=\"_self pt-cv-readmore btn btn-success\" target=\"_self\">Ver Sentencia Completa...<\/a><\/div><\/div><\/div><\/div>\n<div class=\"col-md-12 col-sm-12 col-xs-12 pt-cv-content-item pt-cv-1-col\" ><div class='pt-cv-ifield'><a href=\"https:\/\/www.dmsjuridica.com\/buscador_20179478954\/corteconstitucionalcronologico202454587\/t-686-04\/\" class=\"_self pt-cv-href-thumbnail pt-cv-thumb-default\" target=\"_self\" ><\/a>\n<div class=\"pt-cv-taxoterm above_title\"><a href='https:\/\/www.dmsjuridica.com\/buscador_20179478954\/corteconstitucionalcronologico202454587\/category\/buscar-en-toda-la-corte\/2004\/tutelas-2004\/' title='Tutelas 2004' class='pt-cv-tax-tutelas-2004'>Tutelas 2004<\/a><\/div>\n<h4 class=\"pt-cv-title\"><a href=\"https:\/\/www.dmsjuridica.com\/buscador_20179478954\/corteconstitucionalcronologico202454587\/t-686-04\/\" class=\"_self\" target=\"_self\" >T-686-04<\/a><\/h4>\n<div class=\"pt-cv-content\">\u00a0 \u00a0 Sentencia T-686\/04 \u00a0 ACCION DE TUTELA TRANSITORIA EJERCIDA POR ADULTO MAYOR-Perjuicio irremediable \u00a0 En los casos en que la acci\u00f3n de tutela es ejercida por adultos mayores como mecanismo transitorio, en el an\u00e1lisis acerca de la existencia del perjuicio irremediable el juez constitucional adem\u00e1s debe tener presente que se trata de personas que dependen por lo general de su mesada pensional, y que al llegar a la edad provecta ven disminuida su capacidad f\u00edsica, y con ella la posibilidad de ejercer a plenitud todos sus derechos. En tal evento, el juez puede conceder el amparo transitorio a\u00fan si ...<br \/><div class=\"pt-cv-rmwrap\"><a href=\"https:\/\/www.dmsjuridica.com\/buscador_20179478954\/corteconstitucionalcronologico202454587\/t-686-04\/\" class=\"_self pt-cv-readmore btn btn-success\" target=\"_self\">Ver Sentencia Completa...<\/a><\/div><\/div><\/div><\/div>\n<div class=\"col-md-12 col-sm-12 col-xs-12 pt-cv-content-item pt-cv-1-col\" ><div class='pt-cv-ifield'><a href=\"https:\/\/www.dmsjuridica.com\/buscador_20179478954\/corteconstitucionalcronologico202454587\/t-685-04\/\" class=\"_self pt-cv-href-thumbnail pt-cv-thumb-default\" target=\"_self\" ><\/a>\n<div class=\"pt-cv-taxoterm above_title\"><a href='https:\/\/www.dmsjuridica.com\/buscador_20179478954\/corteconstitucionalcronologico202454587\/category\/buscar-en-toda-la-corte\/2004\/tutelas-2004\/' title='Tutelas 2004' class='pt-cv-tax-tutelas-2004'>Tutelas 2004<\/a><\/div>\n<h4 class=\"pt-cv-title\"><a href=\"https:\/\/www.dmsjuridica.com\/buscador_20179478954\/corteconstitucionalcronologico202454587\/t-685-04\/\" class=\"_self\" target=\"_self\" >T-685-04<\/a><\/h4>\n<div class=\"pt-cv-content\">\u00a0 \u00a0 Sentencia T-685\/04 \u00a0 REGIMEN SUBSIDIADO DE SEGURIDAD SOCIAL EN SALUD-Procedimiento a seguir en caso de traslado de residencia a otro municipio \u00a0 Bajo una interpretaci\u00f3n sistem\u00e1tica de la normativa legal vigente, es clara la posibilidad de que las calidades que hacen beneficiaria a la persona del r\u00e9gimen subsidiado puedan ser revisadas, a fin de establecer si el afiliado sigue reuniendo los requisitos para tener derecho al disfrute del subsidio en salud respectivo. La revisi\u00f3n de tales condiciones resulta necesaria entonces, cuando la persona fija su residencia en otro municipio diferente al de donde obtuvo su afiliaci\u00f3n, pues bien ...<br \/><div class=\"pt-cv-rmwrap\"><a href=\"https:\/\/www.dmsjuridica.com\/buscador_20179478954\/corteconstitucionalcronologico202454587\/t-685-04\/\" class=\"_self pt-cv-readmore btn btn-success\" target=\"_self\">Ver Sentencia Completa...<\/a><\/div><\/div><\/div><\/div>\n<div class=\"col-md-12 col-sm-12 col-xs-12 pt-cv-content-item pt-cv-1-col\" ><div class='pt-cv-ifield'><a href=\"https:\/\/www.dmsjuridica.com\/buscador_20179478954\/corteconstitucionalcronologico202454587\/t-684-04\/\" class=\"_self pt-cv-href-thumbnail pt-cv-thumb-default\" target=\"_self\" ><\/a>\n<div class=\"pt-cv-taxoterm above_title\"><a href='https:\/\/www.dmsjuridica.com\/buscador_20179478954\/corteconstitucionalcronologico202454587\/category\/buscar-en-toda-la-corte\/2004\/tutelas-2004\/' title='Tutelas 2004' class='pt-cv-tax-tutelas-2004'>Tutelas 2004<\/a><\/div>\n<h4 class=\"pt-cv-title\"><a href=\"https:\/\/www.dmsjuridica.com\/buscador_20179478954\/corteconstitucionalcronologico202454587\/t-684-04\/\" class=\"_self\" target=\"_self\" >T-684-04<\/a><\/h4>\n<div class=\"pt-cv-content\">\u00a0 \u00a0 Sentencia T-684\/04 \u00a0 DESACATO-Objeto \u00a0 El incidente de desacato tiene como objeto, de acuerdo a lo establecido en el art\u00edculo 52 del Decreto 2591 de 1991, sancionar con arresto hasta de seis meses, y multa de hasta 20 salarios m\u00ednimos mensuales a la persona que incumpla una orden de un juez, proferida en una sentencia de tutela. \u00a0 ACCION DE TUTELA CONTRA INCIDENTE DE DESACATO-Procedencia cuando en su tr\u00e1mite puede evidenciarse v\u00eda de hecho \u00a0 La acci\u00f3n de tutela procede excepcionalmente contra las decisiones tomadas en el curso de un incidente de desacato, si puede verificarse la existencia ...<br \/><div class=\"pt-cv-rmwrap\"><a href=\"https:\/\/www.dmsjuridica.com\/buscador_20179478954\/corteconstitucionalcronologico202454587\/t-684-04\/\" class=\"_self pt-cv-readmore btn btn-success\" target=\"_self\">Ver Sentencia Completa...<\/a><\/div><\/div><\/div><\/div>\n<div class=\"col-md-12 col-sm-12 col-xs-12 pt-cv-content-item pt-cv-1-col\" ><div class='pt-cv-ifield'><a href=\"https:\/\/www.dmsjuridica.com\/buscador_20179478954\/corteconstitucionalcronologico202454587\/t-682-04\/\" class=\"_self pt-cv-href-thumbnail pt-cv-thumb-default\" target=\"_self\" ><\/a>\n<div class=\"pt-cv-taxoterm above_title\"><a href='https:\/\/www.dmsjuridica.com\/buscador_20179478954\/corteconstitucionalcronologico202454587\/category\/buscar-en-toda-la-corte\/2004\/tutelas-2004\/' title='Tutelas 2004' class='pt-cv-tax-tutelas-2004'>Tutelas 2004<\/a><\/div>\n<h4 class=\"pt-cv-title\"><a href=\"https:\/\/www.dmsjuridica.com\/buscador_20179478954\/corteconstitucionalcronologico202454587\/t-682-04\/\" class=\"_self\" target=\"_self\" >T-682-04<\/a><\/h4>\n<div class=\"pt-cv-content\">\u00a0 \u00a0 Sentencia T-682\/04 \u00a0 DERECHO A LA SALUD-Fundamental por conexidad\/DERECHO A LA SALUD-Pr\u00e1ctica de examen m\u00e9dico \u00a0 Referencia: expediente T-889688 \u00a0 Acci\u00f3n de tutela instaurada por Astrid Carolina Mondrag\u00f3n Ort\u00edz contra el Instituto de los Seguros Sociales (ISS) Seccional Cauca. \u00a0 \u00a0 \u00a0 Magistrado Ponente: \u00a0 Dr. JAIME ARAUJO RENTER\u00cdA \u00a0 Bogot\u00e1, D. C., diecis\u00e9is (16) de julio\u00a0 \u00a0 \u00a0 \u00a0 \u00a0de dos mil cuatro (2004). \u00a0 La Sala Primera de Revisi\u00f3n de la Corte Constitucional, integrada por los Magistrados ALFREDO BELTRAN SIERRA, MANUEL JOSE CEPEDA ESPINOSA y JAIME ARAUJO RENTERIA, en ejercicio de sus competencias constitucionales y legales, ...<br \/><div class=\"pt-cv-rmwrap\"><a href=\"https:\/\/www.dmsjuridica.com\/buscador_20179478954\/corteconstitucionalcronologico202454587\/t-682-04\/\" class=\"_self pt-cv-readmore btn btn-success\" target=\"_self\">Ver Sentencia Completa...<\/a><\/div><\/div><\/div><\/div>\n<div class=\"col-md-12 col-sm-12 col-xs-12 pt-cv-content-item pt-cv-1-col\" ><div class='pt-cv-ifield'><a href=\"https:\/\/www.dmsjuridica.com\/buscador_20179478954\/corteconstitucionalcronologico202454587\/t-681-04\/\" class=\"_self pt-cv-href-thumbnail pt-cv-thumb-default\" target=\"_self\" ><\/a>\n<div class=\"pt-cv-taxoterm above_title\"><a href='https:\/\/www.dmsjuridica.com\/buscador_20179478954\/corteconstitucionalcronologico202454587\/category\/buscar-en-toda-la-corte\/2004\/tutelas-2004\/' title='Tutelas 2004' class='pt-cv-tax-tutelas-2004'>Tutelas 2004<\/a><\/div>\n<h4 class=\"pt-cv-title\"><a href=\"https:\/\/www.dmsjuridica.com\/buscador_20179478954\/corteconstitucionalcronologico202454587\/t-681-04\/\" class=\"_self\" target=\"_self\" >T-681-04<\/a><\/h4>\n<div class=\"pt-cv-content\">\u00a0 \u00a0 Sentencia T-681\/04 \u00a0 AGENCIA OFICIOSA EN TUTELA-Alcance \u00a0 AGENCIA OFICIOSA EN TUTELA-Presupuestos \u00a0 AGENCIA OFICIOSA EN TUTELA-Importancia de los requisitos m\u00ednimos de procedencia \u00a0 Los requisitos procesales para la procedencia de la agencia oficiosa, no constituyen un mero capricho, ni desvirt\u00faan la primac\u00eda del derecho sustancial frente a las simples formalidades. Estos requerimientos m\u00ednimos formales que debe observar quien incoa la acci\u00f3n de tutela, son garant\u00edas consustanciales a la definici\u00f3n misma del Estado de Derecho, en el cual los procedimientos judiciales se erigen como mecanismos necesarios para la efectiva protecci\u00f3n de los derechos de las personas. De esta ...<br \/><div class=\"pt-cv-rmwrap\"><a href=\"https:\/\/www.dmsjuridica.com\/buscador_20179478954\/corteconstitucionalcronologico202454587\/t-681-04\/\" class=\"_self pt-cv-readmore btn btn-success\" target=\"_self\">Ver Sentencia Completa...<\/a><\/div><\/div><\/div><\/div>\n<div class=\"col-md-12 col-sm-12 col-xs-12 pt-cv-content-item pt-cv-1-col\" ><div class='pt-cv-ifield'><a href=\"https:\/\/www.dmsjuridica.com\/buscador_20179478954\/corteconstitucionalcronologico202454587\/t-680-04\/\" class=\"_self pt-cv-href-thumbnail pt-cv-thumb-default\" target=\"_self\" ><\/a>\n<div class=\"pt-cv-taxoterm above_title\"><a href='https:\/\/www.dmsjuridica.com\/buscador_20179478954\/corteconstitucionalcronologico202454587\/category\/buscar-en-toda-la-corte\/2004\/tutelas-2004\/' title='Tutelas 2004' class='pt-cv-tax-tutelas-2004'>Tutelas 2004<\/a><\/div>\n<h4 class=\"pt-cv-title\"><a href=\"https:\/\/www.dmsjuridica.com\/buscador_20179478954\/corteconstitucionalcronologico202454587\/t-680-04\/\" class=\"_self\" target=\"_self\" >T-680-04<\/a><\/h4>\n<div class=\"pt-cv-content\">\u00a0 \u00a0 Sentencia T-680\/04 \u00a0 DERECHO A LA SALUD-Aplazamiento injustificado de cirug\u00eda\/PRINCIPIO DE CONTINUIDAD EN EL SERVICIO DE SALUD-Culminaci\u00f3n de tratamientos aunque se hubiere extinguido vinculaci\u00f3n con EPS \u00a0 Referencia: expediente T-871672 \u00a0 Acci\u00f3n de tutela interpuesta por Mar\u00eda del Carmen Lizcano contra Coomeva E.P.S., seccional Barranquilla \u00a0 Magistrado Ponente: \u00a0 Dr. JAIME C\u00d3RDOBA TRIVI\u00d1O \u00a0 Bogot\u00e1, D. C., quince (15) de julio de dos mil cuatro (2004). \u00a0 La Sala Cuarta de Revisi\u00f3n de la Corte Constitucional, en ejercicio de sus competencias constitucionales y legales, espec\u00edficamente las previstas en los art\u00edculos 86 y 241, numeral 9, de la Constituci\u00f3n ...<br \/><div class=\"pt-cv-rmwrap\"><a href=\"https:\/\/www.dmsjuridica.com\/buscador_20179478954\/corteconstitucionalcronologico202454587\/t-680-04\/\" class=\"_self pt-cv-readmore btn btn-success\" target=\"_self\">Ver Sentencia Completa...<\/a><\/div><\/div><\/div><\/div>\n<div class=\"col-md-12 col-sm-12 col-xs-12 pt-cv-content-item pt-cv-1-col\" ><div class='pt-cv-ifield'><a href=\"https:\/\/www.dmsjuridica.com\/buscador_20179478954\/corteconstitucionalcronologico202454587\/t-679-04\/\" class=\"_self pt-cv-href-thumbnail pt-cv-thumb-default\" target=\"_self\" ><\/a>\n<div class=\"pt-cv-taxoterm above_title\"><a href='https:\/\/www.dmsjuridica.com\/buscador_20179478954\/corteconstitucionalcronologico202454587\/category\/buscar-en-toda-la-corte\/2004\/tutelas-2004\/' title='Tutelas 2004' class='pt-cv-tax-tutelas-2004'>Tutelas 2004<\/a><\/div>\n<h4 class=\"pt-cv-title\"><a href=\"https:\/\/www.dmsjuridica.com\/buscador_20179478954\/corteconstitucionalcronologico202454587\/t-679-04\/\" class=\"_self\" target=\"_self\" >T-679-04<\/a><\/h4>\n<div class=\"pt-cv-content\">\u00a0 \u00a0 Sentencia T-679\/04 \u00a0 ACCION DE TUTELA-Hecho superado por ordenarse libertad de persona sindicada de delito de homicidio que no cometi\u00f3 \u00a0 Como quiera que la pretensi\u00f3n alentada por el actor era su libertad inmediata al existir evidencias de que la persona responsable del homicidio no era \u00e9l sino una persona diferente y ya que tal libertad fue dispuesta en uno de los procesos de tutela desencadenados con su solicitud, la Sala se encuentra ante un hecho superado y la tutela resulta improcedente por carencia actual de objeto. \u00a0 DERECHO A LA LIBERTAD-Protecci\u00f3n de persona sindicada de delito de ...<br \/><div class=\"pt-cv-rmwrap\"><a href=\"https:\/\/www.dmsjuridica.com\/buscador_20179478954\/corteconstitucionalcronologico202454587\/t-679-04\/\" class=\"_self pt-cv-readmore btn btn-success\" target=\"_self\">Ver Sentencia Completa...<\/a><\/div><\/div><\/div><\/div>\n<div class=\"col-md-12 col-sm-12 col-xs-12 pt-cv-content-item pt-cv-1-col\" ><div class='pt-cv-ifield'><a href=\"https:\/\/www.dmsjuridica.com\/buscador_20179478954\/corteconstitucionalcronologico202454587\/t-678-04\/\" class=\"_self pt-cv-href-thumbnail pt-cv-thumb-default\" target=\"_self\" ><\/a>\n<div class=\"pt-cv-taxoterm above_title\"><a href='https:\/\/www.dmsjuridica.com\/buscador_20179478954\/corteconstitucionalcronologico202454587\/category\/buscar-en-toda-la-corte\/2004\/tutelas-2004\/' title='Tutelas 2004' class='pt-cv-tax-tutelas-2004'>Tutelas 2004<\/a><\/div>\n<h4 class=\"pt-cv-title\"><a href=\"https:\/\/www.dmsjuridica.com\/buscador_20179478954\/corteconstitucionalcronologico202454587\/t-678-04\/\" class=\"_self\" target=\"_self\" >T-678-04<\/a><\/h4>\n<div class=\"pt-cv-content\">\u00a0 \u00a0 Sentencia T-678\/04 \u00a0 DERECHO A LA SALUD-Pr\u00e1ctica de cirug\u00eda de trasplante de cornea ordenada por m\u00e9dico tratante y no la incluida en el POS que fue la autorizada por el ISS \u00a0 Para la Sala existen, entonces, tres aspectos que permiten concluir que lo procedente en este caso espec\u00edfico es ordenar que se autorice la queratoplastia lamelar. De una parte, se trata de un procedimiento menos invasivo, que representa una mayor probabilidad de \u00e9xito en la intervenci\u00f3n; de otra parte, existe un argumento econ\u00f3mico a favor de la EPS puesto que dada la alta frecuencia de rechazo del ...<br \/><div class=\"pt-cv-rmwrap\"><a href=\"https:\/\/www.dmsjuridica.com\/buscador_20179478954\/corteconstitucionalcronologico202454587\/t-678-04\/\" class=\"_self pt-cv-readmore btn btn-success\" target=\"_self\">Ver Sentencia Completa...<\/a><\/div><\/div><\/div><\/div>\n<div class=\"col-md-12 col-sm-12 col-xs-12 pt-cv-content-item pt-cv-1-col\" ><div class='pt-cv-ifield'><a href=\"https:\/\/www.dmsjuridica.com\/buscador_20179478954\/corteconstitucionalcronologico202454587\/t-677-04\/\" class=\"_self pt-cv-href-thumbnail pt-cv-thumb-default\" target=\"_self\" ><\/a>\n<div class=\"pt-cv-taxoterm above_title\"><a href='https:\/\/www.dmsjuridica.com\/buscador_20179478954\/corteconstitucionalcronologico202454587\/category\/buscar-en-toda-la-corte\/2004\/tutelas-2004\/' title='Tutelas 2004' class='pt-cv-tax-tutelas-2004'>Tutelas 2004<\/a><\/div>\n<h4 class=\"pt-cv-title\"><a href=\"https:\/\/www.dmsjuridica.com\/buscador_20179478954\/corteconstitucionalcronologico202454587\/t-677-04\/\" class=\"_self\" target=\"_self\" >T-677-04<\/a><\/h4>\n<div class=\"pt-cv-content\">\u00a0 \u00a0 Sentencia T-677\/04 \u00a0 ACCION DE TUTELA-Improcedencia general sobre controversias contractuales \u00a0 CIENCIA Y TECNOLOGIA-Importancia \u00a0 ESTADO-Debe garantizar el fomento de la ciencia y la tecnolog\u00eda para consolidar el derecho a la educaci\u00f3n \u00a0 El Estado tiene el deber de garantizar el fomento a la ciencia y la tecnolog\u00eda como un instrumento eficaz para consolidar y materializar el derecho a la educaci\u00f3n, cuya funci\u00f3n social (art. 67) incluye el crear condiciones que posibiliten a los individuos desenvolverse en un contexto social en el cual los principios de heterogeneidad y pluralismo que caracterizan a nuestra Constituci\u00f3n se orientan hac\u00eda la ...<br \/><div class=\"pt-cv-rmwrap\"><a href=\"https:\/\/www.dmsjuridica.com\/buscador_20179478954\/corteconstitucionalcronologico202454587\/t-677-04\/\" class=\"_self pt-cv-readmore btn btn-success\" target=\"_self\">Ver Sentencia Completa...<\/a><\/div><\/div><\/div><\/div>\n<div class=\"col-md-12 col-sm-12 col-xs-12 pt-cv-content-item pt-cv-1-col\" ><div class='pt-cv-ifield'><a href=\"https:\/\/www.dmsjuridica.com\/buscador_20179478954\/corteconstitucionalcronologico202454587\/t-675-04\/\" class=\"_self pt-cv-href-thumbnail pt-cv-thumb-default\" target=\"_self\" ><\/a>\n<div class=\"pt-cv-taxoterm above_title\"><a href='https:\/\/www.dmsjuridica.com\/buscador_20179478954\/corteconstitucionalcronologico202454587\/category\/buscar-en-toda-la-corte\/2004\/tutelas-2004\/' title='Tutelas 2004' class='pt-cv-tax-tutelas-2004'>Tutelas 2004<\/a><\/div>\n<h4 class=\"pt-cv-title\"><a href=\"https:\/\/www.dmsjuridica.com\/buscador_20179478954\/corteconstitucionalcronologico202454587\/t-675-04\/\" class=\"_self\" target=\"_self\" >T-675-04<\/a><\/h4>\n<div class=\"pt-cv-content\">\u00a0 \u00a0 Sentencia T-675\/04 \u00a0 DERECHO A LA SALUD DEL ENFERMO MENTAL-Conexidad con la vida digna \u00a0 DISMINUIDO FISICO Y PSIQUICO-Protecci\u00f3n especial \u00a0 DERECHO A LA VIDA-Es cualificado \u00a0 DERECHO A LA SALUD DEL DISMINUIDO PSIQUICO-Suministro de medicamentos\/ADMINISTRADORA DEL REGIMEN SUBSIDIADO-Suministro de medicamentos y atenci\u00f3n m\u00e9dica a enfermo mental \u00a0 Referencia: Expediente T-921471 \u00a0 Acci\u00f3n de tutela instaurada por la se\u00f1ora Lilian Restrepo Casta\u00f1o, contra Caf\u00e9salud A.R.S seccional Armenia. \u00a0 Procedencia: Juzgado Primero Penal Municipal de Armenia. \u00a0 Magistrado Ponente: \u00a0 \u00a0Dr. ALFREDO BELTRAN SIERRA \u00a0 Bogot\u00e1 D.C., \u00a0quince (15) de julio de dos mil cuatro (2004). \u00a0 La Sala ...<br \/><div class=\"pt-cv-rmwrap\"><a href=\"https:\/\/www.dmsjuridica.com\/buscador_20179478954\/corteconstitucionalcronologico202454587\/t-675-04\/\" class=\"_self pt-cv-readmore btn btn-success\" target=\"_self\">Ver Sentencia Completa...<\/a><\/div><\/div><\/div><\/div>\n<div class=\"col-md-12 col-sm-12 col-xs-12 pt-cv-content-item pt-cv-1-col\" ><div class='pt-cv-ifield'><a href=\"https:\/\/www.dmsjuridica.com\/buscador_20179478954\/corteconstitucionalcronologico202454587\/t-674-04\/\" class=\"_self pt-cv-href-thumbnail pt-cv-thumb-default\" target=\"_self\" ><\/a>\n<div class=\"pt-cv-taxoterm above_title\"><a href='https:\/\/www.dmsjuridica.com\/buscador_20179478954\/corteconstitucionalcronologico202454587\/category\/buscar-en-toda-la-corte\/2004\/tutelas-2004\/' title='Tutelas 2004' class='pt-cv-tax-tutelas-2004'>Tutelas 2004<\/a><\/div>\n<h4 class=\"pt-cv-title\"><a href=\"https:\/\/www.dmsjuridica.com\/buscador_20179478954\/corteconstitucionalcronologico202454587\/t-674-04\/\" class=\"_self\" target=\"_self\" >T-674-04<\/a><\/h4>\n<div class=\"pt-cv-content\">DERECHO A LA SALUD DE PERSONA DE LA TERCERA EDAD \u00a0 ADMINISTRADORA DEL REGIMEN SUBSIDIADO Atenci\u00f3n de tratamiento m\u00e9dico excluido del POS-S \u00a0 ADMINISTRADORA DEL REGIMEN SUBSIDIADO-Orden de autorizar intervenci\u00f3n quir\u00fargica de STENT \u00a0 Referencia: expedientes T-892192 \u00a0 Peticionario: Francisca Hoyos Ru\u00edz \u00a0 Magistrado Ponente: \u00a0 Dr. ALFREDO BELTR\u00c1N SIERRA \u00a0 Bogot\u00e1, D. C., quince (15) de julio de dos mil cuatro (2004). \u00a0 La Sala Segunda de Revisi\u00f3n de la Corte Constitucional, integrada por los magistrados, Alfredo Beltr\u00e1n Sierra, Manuel Jos\u00e9 Cepeda Espinosa y Jaime C\u00f3rdoba Trivi\u00f1o, en ejercicio de sus competencias constitucionales y legales, ha proferido la siguiente ...<br \/><div class=\"pt-cv-rmwrap\"><a href=\"https:\/\/www.dmsjuridica.com\/buscador_20179478954\/corteconstitucionalcronologico202454587\/t-674-04\/\" class=\"_self pt-cv-readmore btn btn-success\" target=\"_self\">Ver Sentencia Completa...<\/a><\/div><\/div><\/div><\/div>\n<div class=\"col-md-12 col-sm-12 col-xs-12 pt-cv-content-item pt-cv-1-col\" ><div class='pt-cv-ifield'><a href=\"https:\/\/www.dmsjuridica.com\/buscador_20179478954\/corteconstitucionalcronologico202454587\/t-673-04\/\" class=\"_self pt-cv-href-thumbnail pt-cv-thumb-default\" target=\"_self\" ><\/a>\n<div class=\"pt-cv-taxoterm above_title\"><a href='https:\/\/www.dmsjuridica.com\/buscador_20179478954\/corteconstitucionalcronologico202454587\/category\/buscar-en-toda-la-corte\/2004\/tutelas-2004\/' title='Tutelas 2004' class='pt-cv-tax-tutelas-2004'>Tutelas 2004<\/a><\/div>\n<h4 class=\"pt-cv-title\"><a href=\"https:\/\/www.dmsjuridica.com\/buscador_20179478954\/corteconstitucionalcronologico202454587\/t-673-04\/\" class=\"_self\" target=\"_self\" >T-673-04<\/a><\/h4>\n<div class=\"pt-cv-content\">\u00a0 \u00a0 Sentencia T-673\/04 \u00a0 ACCION DE TUTELA CONTRA PROVIDENCIAS JUDICIALES-Improcedencia por inexistencia de defecto f\u00e1ctico \u00a0 No es constitutiva de una v\u00eda de hecho judicial la simple divergencia en la apreciaci\u00f3n probatoria. Si la del fallador no resulta de manera irrazonable en pugna con la l\u00f3gica jur\u00eddica ni abiertamente contraria a la realidad f\u00e1ctica que emerge de los autos como suceder\u00eda, por ejemplo, cuando no se de por demostrado un hecho cuya prueba obra en el expediente pero se omiti\u00f3 por el sentenciador apreciarla, o cuando se da por probado un hecho del cual no existe ning\u00fan medio probatorio ...<br \/><div class=\"pt-cv-rmwrap\"><a href=\"https:\/\/www.dmsjuridica.com\/buscador_20179478954\/corteconstitucionalcronologico202454587\/t-673-04\/\" class=\"_self pt-cv-readmore btn btn-success\" target=\"_self\">Ver Sentencia Completa...<\/a><\/div><\/div><\/div><\/div>\n<div class=\"col-md-12 col-sm-12 col-xs-12 pt-cv-content-item pt-cv-1-col\" ><div class='pt-cv-ifield'><a href=\"https:\/\/www.dmsjuridica.com\/buscador_20179478954\/corteconstitucionalcronologico202454587\/t-667-04\/\" class=\"_self pt-cv-href-thumbnail pt-cv-thumb-default\" target=\"_self\" ><\/a>\n<div class=\"pt-cv-taxoterm above_title\"><a href='https:\/\/www.dmsjuridica.com\/buscador_20179478954\/corteconstitucionalcronologico202454587\/category\/buscar-en-toda-la-corte\/2004\/tutelas-2004\/' title='Tutelas 2004' class='pt-cv-tax-tutelas-2004'>Tutelas 2004<\/a><\/div>\n<h4 class=\"pt-cv-title\"><a href=\"https:\/\/www.dmsjuridica.com\/buscador_20179478954\/corteconstitucionalcronologico202454587\/t-667-04\/\" class=\"_self\" target=\"_self\" >T-667-04<\/a><\/h4>\n<div class=\"pt-cv-content\">\u00a0 \u00a0 Sentencia T-667\/04 \u00a0 ACCION DE TUTELA CONTRA PARTICULARES-Procedencia excepcional \u00a0 INDEFENSION-Juez constitucional es el llamado a dar contenido a este concepto \u00a0 INDEFENSION-Alcance \u00a0 DERECHO AL BUEN NOMBRE Y A LA HONRA-Fundamentales\/DERECHO AL BUEN NOMBRE Y A LA HONRA-Relaci\u00f3n inescindible con la dignidad humana \u00a0 DERECHO AL BUEN NOMBRE-Divulgaci\u00f3n de la negaci\u00f3n de la entrada del actor a otros ingenios azucareros \u00a0 La divulgaci\u00f3n de la negaci\u00f3n de la entrada a las instalaciones que la demandada posee en Buenaventura, Cali y Palmira (Valle), y que fue enviada a algunos ingenios azucareros y a algunas empresas intermediarias de transporte, ...<br \/><div class=\"pt-cv-rmwrap\"><a href=\"https:\/\/www.dmsjuridica.com\/buscador_20179478954\/corteconstitucionalcronologico202454587\/t-667-04\/\" class=\"_self pt-cv-readmore btn btn-success\" target=\"_self\">Ver Sentencia Completa...<\/a><\/div><\/div><\/div><\/div>\n<div class=\"col-md-12 col-sm-12 col-xs-12 pt-cv-content-item pt-cv-1-col\" ><div class='pt-cv-ifield'><a href=\"https:\/\/www.dmsjuridica.com\/buscador_20179478954\/corteconstitucionalcronologico202454587\/t-666-04\/\" class=\"_self pt-cv-href-thumbnail pt-cv-thumb-default\" target=\"_self\" ><\/a>\n<div class=\"pt-cv-taxoterm above_title\"><a href='https:\/\/www.dmsjuridica.com\/buscador_20179478954\/corteconstitucionalcronologico202454587\/category\/buscar-en-toda-la-corte\/2004\/tutelas-2004\/' title='Tutelas 2004' class='pt-cv-tax-tutelas-2004'>Tutelas 2004<\/a><\/div>\n<h4 class=\"pt-cv-title\"><a href=\"https:\/\/www.dmsjuridica.com\/buscador_20179478954\/corteconstitucionalcronologico202454587\/t-666-04\/\" class=\"_self\" target=\"_self\" >T-666-04<\/a><\/h4>\n<div class=\"pt-cv-content\">\u00a0 \u00a0 Sentencia T-666\/04 \u00a0 DERECHO A LA SALUD DE MENOR DE EDAD-Suministro de vacunas por la EPS \u00a0 JUSTICIABILIDAD DE PRESTACIONES EXCLUIDAS DEL PLAN OBLIGATORIO DE SALUD-Criterios para la procedencia de tutela \u00a0 En relaci\u00f3n con la justiciabilidad de las prestaciones contenidas en el Plan Obligatorio de Salud que son negadas por las entidades del sistema, la Corte ha considerado que existe un derecho fundamental a la salud (derecho fundamental aut\u00f3nomo) como derecho constitucional que (i) funcionalmente est\u00e1 dirigido a lograr la dignidad humana, y (ii) se traduce en un derecho subjetivo. En estos casos, para que a trav\u00e9s ...<br \/><div class=\"pt-cv-rmwrap\"><a href=\"https:\/\/www.dmsjuridica.com\/buscador_20179478954\/corteconstitucionalcronologico202454587\/t-666-04\/\" class=\"_self pt-cv-readmore btn btn-success\" target=\"_self\">Ver Sentencia Completa...<\/a><\/div><\/div><\/div><\/div>\n<div class=\"col-md-12 col-sm-12 col-xs-12 pt-cv-content-item pt-cv-1-col\" ><div class='pt-cv-ifield'><a href=\"https:\/\/www.dmsjuridica.com\/buscador_20179478954\/corteconstitucionalcronologico202454587\/t-665-04\/\" class=\"_self pt-cv-href-thumbnail pt-cv-thumb-default\" target=\"_self\" ><\/a>\n<div class=\"pt-cv-taxoterm above_title\"><a href='https:\/\/www.dmsjuridica.com\/buscador_20179478954\/corteconstitucionalcronologico202454587\/category\/buscar-en-toda-la-corte\/2004\/tutelas-2004\/' title='Tutelas 2004' class='pt-cv-tax-tutelas-2004'>Tutelas 2004<\/a><\/div>\n<h4 class=\"pt-cv-title\"><a href=\"https:\/\/www.dmsjuridica.com\/buscador_20179478954\/corteconstitucionalcronologico202454587\/t-665-04\/\" class=\"_self\" target=\"_self\" >T-665-04<\/a><\/h4>\n<div class=\"pt-cv-content\">\u00a0 \u00a0 Sentencia T-665\/04 \u00a0 MUJER EMBARAZADA-Protecci\u00f3n constitucional especial \u00a0 LICENCIA DE MATERNIDAD-Procedencia excepcional de tutela para el pago\/LICENCIA DE MATERNIDAD-Pago por tutela cuando afecta el m\u00ednimo vital de la madre y su hijo \u00a0 LICENCIA DE MATERNIDAD-Objeto \u00a0 LICENCIA DE MATERNIDAD-Pago por allanamiento a la mora por EPS \u00a0 Referencia: expediente T-867914 \u00a0 Acci\u00f3n de tutela instaurada por Luz Elena Baldovino Ardila contra SaludCoop E.P.S. \u00a0 Magistrado Ponente: \u00a0 Dr. RODRIGO UPRIMNY YEPES \u00a0 Bogot\u00e1, D. C., nueve (9) de julio de dos mil cuatro (2004). \u00a0 La Sala S\u00e9ptima de Revisi\u00f3n de la Corte Constitucional, integrada por los ...<br \/><div class=\"pt-cv-rmwrap\"><a href=\"https:\/\/www.dmsjuridica.com\/buscador_20179478954\/corteconstitucionalcronologico202454587\/t-665-04\/\" class=\"_self pt-cv-readmore btn btn-success\" target=\"_self\">Ver Sentencia Completa...<\/a><\/div><\/div><\/div><\/div>\n<div class=\"col-md-12 col-sm-12 col-xs-12 pt-cv-content-item pt-cv-1-col\" ><div class='pt-cv-ifield'><a href=\"https:\/\/www.dmsjuridica.com\/buscador_20179478954\/corteconstitucionalcronologico202454587\/t-664-04\/\" class=\"_self pt-cv-href-thumbnail pt-cv-thumb-default\" target=\"_self\" ><\/a>\n<div class=\"pt-cv-taxoterm above_title\"><a href='https:\/\/www.dmsjuridica.com\/buscador_20179478954\/corteconstitucionalcronologico202454587\/category\/buscar-en-toda-la-corte\/2004\/tutelas-2004\/' title='Tutelas 2004' class='pt-cv-tax-tutelas-2004'>Tutelas 2004<\/a><\/div>\n<h4 class=\"pt-cv-title\"><a href=\"https:\/\/www.dmsjuridica.com\/buscador_20179478954\/corteconstitucionalcronologico202454587\/t-664-04\/\" class=\"_self\" target=\"_self\" >T-664-04<\/a><\/h4>\n<div class=\"pt-cv-content\">\u00a0 \u00a0 Sentencia T-664\/04 \u00a0 ACCION DE TUTELA-Improcedencia para ordenar reconocimiento de pensiones \u00a0 ACCION DE TUTELA-Procedencia excepcional para ordenar reconocimiento de pensiones \u00a0 PENSION DE SOBREVIVIENTES-Regulaci\u00f3n\/PENSION DE SOBREVIVIENTES-Fundamental por conexidad con el m\u00ednimo vital \u00a0 PENSION DE INVALIDEZ-Mora patronal en aportes para el reconocimiento\/EMPLEADOR-Consecuencias por mora en pago de aportes no pueden recaer en el trabajador \u00a0 DERECHOS FUNDAMENTALES DEL NI\u00d1O-Prevalencia\/EMPLEADOR-Mora en pago de aportes en pensiones no pueden afectar intereses de menor \u00a0 ENTIDAD ADMINISTRADORA DE PENSIONES-Reconocimiento y pago de pensi\u00f3n a favor de menor \u00a0 Referencia: expediente T-853422 \u00a0 Acci\u00f3n de tutela instaurada por Mery Borrero Caballero ...<br \/><div class=\"pt-cv-rmwrap\"><a href=\"https:\/\/www.dmsjuridica.com\/buscador_20179478954\/corteconstitucionalcronologico202454587\/t-664-04\/\" class=\"_self pt-cv-readmore btn btn-success\" target=\"_self\">Ver Sentencia Completa...<\/a><\/div><\/div><\/div><\/div>\n<div class=\"col-md-12 col-sm-12 col-xs-12 pt-cv-content-item pt-cv-1-col\" ><div class='pt-cv-ifield'><a href=\"https:\/\/www.dmsjuridica.com\/buscador_20179478954\/corteconstitucionalcronologico202454587\/t-660-04\/\" class=\"_self pt-cv-href-thumbnail pt-cv-thumb-default\" target=\"_self\" ><\/a>\n<div class=\"pt-cv-taxoterm above_title\"><a href='https:\/\/www.dmsjuridica.com\/buscador_20179478954\/corteconstitucionalcronologico202454587\/category\/buscar-en-toda-la-corte\/2004\/tutelas-2004\/' title='Tutelas 2004' class='pt-cv-tax-tutelas-2004'>Tutelas 2004<\/a><\/div>\n<h4 class=\"pt-cv-title\"><a href=\"https:\/\/www.dmsjuridica.com\/buscador_20179478954\/corteconstitucionalcronologico202454587\/t-660-04\/\" class=\"_self\" target=\"_self\" >T-660-04<\/a><\/h4>\n<div class=\"pt-cv-content\">\u00a0 \u00a0 Sentencia T-660\/04 \u00a0 ACCION DE TUTELA-Procedencia excepcional pago de acreencias laborales \u00a0 DERECHO AL PAGO OPORTUNO DEL SALARIO-Hip\u00f3tesis f\u00e1cticas m\u00ednimas de vulneraci\u00f3n\/DERECHO AL MINIMO VITAL DEL TRABAJADOR-Hip\u00f3tesis f\u00e1cticas m\u00ednimas de vulneraci\u00f3n por no pago de salarios \u00a0 EMPLEADOR-Situaci\u00f3n econ\u00f3mica o presupuestal no es \u00f3bice para desconocer obligaciones laborales \u00a0 PARTIDA PRESUPUESTAL-Gesti\u00f3n y distribuci\u00f3n para pago oportuno de salarios \u00a0 CORTE CONSTITUCIONAL-No es competente para dirimir controversias sobre nombramientos en provisionalidad \u00a0 ACCION DE TUTELA-Pago de salarios adeudados a personas nombradas en provisionalidad \u00a0 Reiteraci\u00f3n de Jurisprudencia \u00a0 Referencia: expediente T-872192 \u00a0 Peticionarios: Emerson Acosta Acosta, Marisol Acosta Tarazona, ...<br \/><div class=\"pt-cv-rmwrap\"><a href=\"https:\/\/www.dmsjuridica.com\/buscador_20179478954\/corteconstitucionalcronologico202454587\/t-660-04\/\" class=\"_self pt-cv-readmore btn btn-success\" target=\"_self\">Ver Sentencia Completa...<\/a><\/div><\/div><\/div><\/div>\n<div class=\"col-md-12 col-sm-12 col-xs-12 pt-cv-content-item pt-cv-1-col\" ><div class='pt-cv-ifield'><a href=\"https:\/\/www.dmsjuridica.com\/buscador_20179478954\/corteconstitucionalcronologico202454587\/t-659-04\/\" class=\"_self pt-cv-href-thumbnail pt-cv-thumb-default\" target=\"_self\" ><\/a>\n<div class=\"pt-cv-taxoterm above_title\"><a href='https:\/\/www.dmsjuridica.com\/buscador_20179478954\/corteconstitucionalcronologico202454587\/category\/buscar-en-toda-la-corte\/2004\/tutelas-2004\/' title='Tutelas 2004' class='pt-cv-tax-tutelas-2004'>Tutelas 2004<\/a><\/div>\n<h4 class=\"pt-cv-title\"><a href=\"https:\/\/www.dmsjuridica.com\/buscador_20179478954\/corteconstitucionalcronologico202454587\/t-659-04\/\" class=\"_self\" target=\"_self\" >T-659-04<\/a><\/h4>\n<div class=\"pt-cv-content\">\u00a0 \u00a0 Sentencia T-659\/04 \u00a0 FALTA DE LEGITIMACION POR ACTIVA-Madre en representaci\u00f3n de hijo mayor de edad \u00a0 Si bien se trata de la madre del titular de los derechos presuntamente vulnerados, los padres pierden la patria potestad sobre sus hijos cuando \u00e9stos cumplen la mayor\u00eda de edad. En estos eventos, se se\u00f1al\u00f3 en la sentencia T-294 de 2000, los padres s\u00f3lo podr\u00e1n promover una acci\u00f3n de tutela en defensa de los derechos de sus hijos bajo los t\u00e9rminos de la figura de la agencia oficiosa desarrollados por la Constituci\u00f3n, la ley y la jurisprudencia constitucional, es decir, cuando los ...<br \/><div class=\"pt-cv-rmwrap\"><a href=\"https:\/\/www.dmsjuridica.com\/buscador_20179478954\/corteconstitucionalcronologico202454587\/t-659-04\/\" class=\"_self pt-cv-readmore btn btn-success\" target=\"_self\">Ver Sentencia Completa...<\/a><\/div><\/div><\/div><\/div>\n<div class=\"col-md-12 col-sm-12 col-xs-12 pt-cv-content-item pt-cv-1-col\" ><div class='pt-cv-ifield'><a href=\"https:\/\/www.dmsjuridica.com\/buscador_20179478954\/corteconstitucionalcronologico202454587\/t-658-04\/\" class=\"_self pt-cv-href-thumbnail pt-cv-thumb-default\" target=\"_self\" ><\/a>\n<div class=\"pt-cv-taxoterm above_title\"><a href='https:\/\/www.dmsjuridica.com\/buscador_20179478954\/corteconstitucionalcronologico202454587\/category\/buscar-en-toda-la-corte\/2004\/tutelas-2004\/' title='Tutelas 2004' class='pt-cv-tax-tutelas-2004'>Tutelas 2004<\/a><\/div>\n<h4 class=\"pt-cv-title\"><a href=\"https:\/\/www.dmsjuridica.com\/buscador_20179478954\/corteconstitucionalcronologico202454587\/t-658-04\/\" class=\"_self\" target=\"_self\" >T-658-04<\/a><\/h4>\n<div class=\"pt-cv-content\">PRESUNCION DE VERACIDAD EN TUTELA-Demandado no rindi\u00f3 informe solicitado por el juez \u00a0 ACCION DE TUTELA-Improcedencia para reconocimiento de derechos pensionales \u00a0 ACCION DE TUTELA-Procedencia excepcional para reconocimiento de derechos pensionales \u00a0 DERECHO DE PETICION-Alcance\/DERECHO DE PETICION-N\u00facleo esencial\/DERECHO DE PETICION-Requisitos de procedibilidad \u00a0 DERECHO DE PETICION EN MATERIA PENSIONAL-T\u00e9rminos para resolver \u00a0 PENSION DE INVALIDEZ-Finalidad \u00a0 DERECHO DE PETICION SOBRE RECONOCIMIENTO DE PENSION DE INVALIDEZ-No se ha dado respuesta sobre el estado de la solicitud \u00a0 SEGURO SOCIAL-Resoluci\u00f3n de fondo sobre reconocimiento de pensi\u00f3n de invalidez \u00a0 Referencia: expediente T-866821 \u00a0 Acci\u00f3n de tutela instaurada por Jes\u00fas Emel Vargas Garc\u00eda ...<br \/><div class=\"pt-cv-rmwrap\"><a href=\"https:\/\/www.dmsjuridica.com\/buscador_20179478954\/corteconstitucionalcronologico202454587\/t-658-04\/\" class=\"_self pt-cv-readmore btn btn-success\" target=\"_self\">Ver Sentencia Completa...<\/a><\/div><\/div><\/div><\/div>\n<div class=\"col-md-12 col-sm-12 col-xs-12 pt-cv-content-item pt-cv-1-col\" ><div class='pt-cv-ifield'><a href=\"https:\/\/www.dmsjuridica.com\/buscador_20179478954\/corteconstitucionalcronologico202454587\/t-657-04\/\" class=\"_self pt-cv-href-thumbnail pt-cv-thumb-default\" target=\"_self\" ><\/a>\n<div class=\"pt-cv-taxoterm above_title\"><a href='https:\/\/www.dmsjuridica.com\/buscador_20179478954\/corteconstitucionalcronologico202454587\/category\/buscar-en-toda-la-corte\/2004\/tutelas-2004\/' title='Tutelas 2004' class='pt-cv-tax-tutelas-2004'>Tutelas 2004<\/a><\/div>\n<h4 class=\"pt-cv-title\"><a href=\"https:\/\/www.dmsjuridica.com\/buscador_20179478954\/corteconstitucionalcronologico202454587\/t-657-04\/\" class=\"_self\" target=\"_self\" >T-657-04<\/a><\/h4>\n<div class=\"pt-cv-content\">\u00a0 \u00a0 Sentencia T-657\/04 \u00a0 ACCION DE TUTELA-Improcedencia para reconocimiento de derechos pensionales \u00a0 ACCION DE TUTELA-Procedencia excepcional para reconocimiento de derechos pensionales \u00a0 DERECHO DE PETICION EN MATERIA PENSIONAL-T\u00e9rminos para resolver \u00a0 DERECHO DE PETICION-Pronta resoluci\u00f3n \u00a0 DERECHO DE PETICION SOBRE RECONOCIMIENTO DE PENSION GRACIA-Inobservancia del t\u00e9rmino de cuatro meses para resolver por parte de Cajanal \u00a0 CAJA NACIONAL DE PREVISION SOCIAL-Resoluci\u00f3n de fondo sobre reconocimiento de pensi\u00f3n gracia \u00a0 Referencia: expediente T-868481 \u00a0 Acci\u00f3n de tutela instaurada por Mar\u00eda Celmira Orjuela de Cruz contra la Caja Nacional de Previsi\u00f3n Social, Cajanal, -Seccional \u00a0Cundinamarca-.\u00a0 \u00a0 Magistrado Ponente: \u00a0 Dr ...<br \/><div class=\"pt-cv-rmwrap\"><a href=\"https:\/\/www.dmsjuridica.com\/buscador_20179478954\/corteconstitucionalcronologico202454587\/t-657-04\/\" class=\"_self pt-cv-readmore btn btn-success\" target=\"_self\">Ver Sentencia Completa...<\/a><\/div><\/div><\/div><\/div>\n<div class=\"col-md-12 col-sm-12 col-xs-12 pt-cv-content-item pt-cv-1-col\" ><div class='pt-cv-ifield'><a href=\"https:\/\/www.dmsjuridica.com\/buscador_20179478954\/corteconstitucionalcronologico202454587\/t-656-04\/\" class=\"_self pt-cv-href-thumbnail pt-cv-thumb-default\" target=\"_self\" ><\/a>\n<div class=\"pt-cv-taxoterm above_title\"><a href='https:\/\/www.dmsjuridica.com\/buscador_20179478954\/corteconstitucionalcronologico202454587\/category\/buscar-en-toda-la-corte\/2004\/tutelas-2004\/' title='Tutelas 2004' class='pt-cv-tax-tutelas-2004'>Tutelas 2004<\/a><\/div>\n<h4 class=\"pt-cv-title\"><a href=\"https:\/\/www.dmsjuridica.com\/buscador_20179478954\/corteconstitucionalcronologico202454587\/t-656-04\/\" class=\"_self\" target=\"_self\" >T-656-04<\/a><\/h4>\n<div class=\"pt-cv-content\">\u00a0 \u00a0 Sentencia T-656\/04 \u00a0 ACCION DE TUTELA CONTRA PARTICULARES-Subordinaci\u00f3n \u00a0 DERECHO COLECTIVO DE TRABAJO-Fundamentos constitucionales \u00a0 DERECHO DE NEGOCIACION COLECTIVA-Alcance \u00a0 LIBERTAD DE ASOCIACION SINDICAL-Enfoques \u00a0 TRIBUNAL DE ARBITRAMENTO-Finalidad \u00a0 REPRESENTACION SINDICAL-Caracter\u00edsticas \u00a0 La representaci\u00f3n sindical se caracteriza por lo siguiente: 1) Al interior de una misma empresa pueden coexistir varios sindicatos de empresa o de base; 2) El sindicato mayoritario tendr\u00e1 la representaci\u00f3n de todos los trabajadores de la empresa para efectos de la negociaci\u00f3n colectiva; 3) La representaci\u00f3n de los sindicatos minoritarios para efectos de la negociaci\u00f3n colectiva corresponde a cada una de las organizaciones sindicales; 4) ...<br \/><div class=\"pt-cv-rmwrap\"><a href=\"https:\/\/www.dmsjuridica.com\/buscador_20179478954\/corteconstitucionalcronologico202454587\/t-656-04\/\" class=\"_self pt-cv-readmore btn btn-success\" target=\"_self\">Ver Sentencia Completa...<\/a><\/div><\/div><\/div><\/div>\n<div class=\"col-md-12 col-sm-12 col-xs-12 pt-cv-content-item pt-cv-1-col\" ><div class='pt-cv-ifield'><a href=\"https:\/\/www.dmsjuridica.com\/buscador_20179478954\/corteconstitucionalcronologico202454587\/t-655-04\/\" class=\"_self pt-cv-href-thumbnail pt-cv-thumb-default\" target=\"_self\" ><\/a>\n<div class=\"pt-cv-taxoterm above_title\"><a href='https:\/\/www.dmsjuridica.com\/buscador_20179478954\/corteconstitucionalcronologico202454587\/category\/buscar-en-toda-la-corte\/2004\/tutelas-2004\/' title='Tutelas 2004' class='pt-cv-tax-tutelas-2004'>Tutelas 2004<\/a><\/div>\n<h4 class=\"pt-cv-title\"><a href=\"https:\/\/www.dmsjuridica.com\/buscador_20179478954\/corteconstitucionalcronologico202454587\/t-655-04\/\" class=\"_self\" target=\"_self\" >T-655-04<\/a><\/h4>\n<div class=\"pt-cv-content\">\u00a0 \u00a0 Sentencia T-655\/04 \u00a0 DERECHO A LA SALUD DE PERSONA DE LA TERCERA EDAD-Pr\u00e1ctica de cirug\u00eda de catarata \u00a0 Es claro que las personas que sufren problemas en su visi\u00f3n tienen derecho a que el Estado les garantice de forma efectiva su derecho a vivir en condiciones dignas, por ello cualquier demora u omisi\u00f3n en la prestaci\u00f3n de las atenciones m\u00e9dicas y\/o quir\u00fargicas para el mejoramiento de su estado de salud, viola dichas garant\u00edas fundamentales y hacen necesaria la intervenci\u00f3n del juez de tutela para realizar el contenido de la Constituci\u00f3n. La accionante, al igual que ninguno de los ...<br \/><div class=\"pt-cv-rmwrap\"><a href=\"https:\/\/www.dmsjuridica.com\/buscador_20179478954\/corteconstitucionalcronologico202454587\/t-655-04\/\" class=\"_self pt-cv-readmore btn btn-success\" target=\"_self\">Ver Sentencia Completa...<\/a><\/div><\/div><\/div><\/div>\n<div class=\"col-md-12 col-sm-12 col-xs-12 pt-cv-content-item pt-cv-1-col\" ><div class='pt-cv-ifield'><a href=\"https:\/\/www.dmsjuridica.com\/buscador_20179478954\/corteconstitucionalcronologico202454587\/t-654-04\/\" class=\"_self pt-cv-href-thumbnail pt-cv-thumb-default\" target=\"_self\" ><\/a>\n<div class=\"pt-cv-taxoterm above_title\"><a href='https:\/\/www.dmsjuridica.com\/buscador_20179478954\/corteconstitucionalcronologico202454587\/category\/buscar-en-toda-la-corte\/2004\/tutelas-2004\/' title='Tutelas 2004' class='pt-cv-tax-tutelas-2004'>Tutelas 2004<\/a><\/div>\n<h4 class=\"pt-cv-title\"><a href=\"https:\/\/www.dmsjuridica.com\/buscador_20179478954\/corteconstitucionalcronologico202454587\/t-654-04\/\" class=\"_self\" target=\"_self\" >T-654-04<\/a><\/h4>\n<div class=\"pt-cv-content\">\u00a0 \u00a0 Sentencia T-654\/04 \u00a0 DERECHO A LA VIDA DIGNA-Pr\u00e1ctica de cirug\u00eda por desgarro vaginal excluida del POS \u00a0 Se deduce de las circunstancias que atraviesa la accionante, tanto econ\u00f3mica como de salud, que se le est\u00e1n vulnerando los derechos fundamentales a tener una vida digna, a su integridad f\u00edsica en conexi\u00f3n con el derecho a la salud, por parte de la entidad demandada al no realizarle la intervenci\u00f3n de Perineoplast\u00eda. La accionante al estar padeciendo un dolor que no le deja llevar una vida normal se le est\u00e1n deteriorando sus condiciones de vida en salud, familiar y de trabajo ...<br \/><div class=\"pt-cv-rmwrap\"><a href=\"https:\/\/www.dmsjuridica.com\/buscador_20179478954\/corteconstitucionalcronologico202454587\/t-654-04\/\" class=\"_self pt-cv-readmore btn btn-success\" target=\"_self\">Ver Sentencia Completa...<\/a><\/div><\/div><\/div><\/div>\n<div class=\"col-md-12 col-sm-12 col-xs-12 pt-cv-content-item pt-cv-1-col\" ><div class='pt-cv-ifield'><a href=\"https:\/\/www.dmsjuridica.com\/buscador_20179478954\/corteconstitucionalcronologico202454587\/t-653-04\/\" class=\"_self pt-cv-href-thumbnail pt-cv-thumb-default\" target=\"_self\" ><\/a>\n<div class=\"pt-cv-taxoterm above_title\"><a href='https:\/\/www.dmsjuridica.com\/buscador_20179478954\/corteconstitucionalcronologico202454587\/category\/buscar-en-toda-la-corte\/2004\/tutelas-2004\/' title='Tutelas 2004' class='pt-cv-tax-tutelas-2004'>Tutelas 2004<\/a><\/div>\n<h4 class=\"pt-cv-title\"><a href=\"https:\/\/www.dmsjuridica.com\/buscador_20179478954\/corteconstitucionalcronologico202454587\/t-653-04\/\" class=\"_self\" target=\"_self\" >T-653-04<\/a><\/h4>\n<div class=\"pt-cv-content\">\u00a0 \u00a0 \u00a0\u00a0 Sentencia T-653\/04 \u00a0 ACCION DE TUTELA TRANSITORIA-Condiciones para su procedencia \u00a0 PERJUICIO IRREMEDIABLE-Elementos \u00a0 PENSION DE INVALIDEZ-Improcedencia de reconocimiento por tutela \u00a0 DERECHO A LA PENSION DE INVALIDEZ-Fundamental por conexidad\/ACCION DE TUTELA-Procedencia excepcional para reconocimiento y pago de pensi\u00f3n de invalidez \u00a0 MINIMO VITAL-Concepto \u00a0 CAPACIDAD ECONOMICA-Imposibilidad de imponer prueba diab\u00f3lica \u00a0 PENSION GRACIA-Destinatarios\/PENSION GRACIA-Requisitos de los destinatarios \u00a0 PENSION GRACIA-Evoluci\u00f3n normativa \u00a0 PENSION GRACIA Y PENSION DE INVALIDEZ-Compatibilidad\/PENSION GRACIA Y PENSION DE INVALIDEZ-Finalidades distintas\/REGIMEN PENSIONAL DE DOCENTES-No prohibe la compatibilidad entre pensi\u00f3n gracia y pensi\u00f3n de invalidez \u00a0 En lo atinente a la compatibilidad de la ...<br \/><div class=\"pt-cv-rmwrap\"><a href=\"https:\/\/www.dmsjuridica.com\/buscador_20179478954\/corteconstitucionalcronologico202454587\/t-653-04\/\" class=\"_self pt-cv-readmore btn btn-success\" target=\"_self\">Ver Sentencia Completa...<\/a><\/div><\/div><\/div><\/div>\n<div class=\"col-md-12 col-sm-12 col-xs-12 pt-cv-content-item pt-cv-1-col\" ><div class='pt-cv-ifield'><a href=\"https:\/\/www.dmsjuridica.com\/buscador_20179478954\/corteconstitucionalcronologico202454587\/t-652-04\/\" class=\"_self pt-cv-href-thumbnail pt-cv-thumb-default\" target=\"_self\" ><\/a>\n<div class=\"pt-cv-taxoterm above_title\"><a href='https:\/\/www.dmsjuridica.com\/buscador_20179478954\/corteconstitucionalcronologico202454587\/category\/buscar-en-toda-la-corte\/2004\/tutelas-2004\/' title='Tutelas 2004' class='pt-cv-tax-tutelas-2004'>Tutelas 2004<\/a><\/div>\n<h4 class=\"pt-cv-title\"><a href=\"https:\/\/www.dmsjuridica.com\/buscador_20179478954\/corteconstitucionalcronologico202454587\/t-652-04\/\" class=\"_self\" target=\"_self\" >T-652-04<\/a><\/h4>\n<div class=\"pt-cv-content\">\u00a0 \u00a0 \u00a0\u00a0 Sentencia T-652\/04 \u00a0 DERECHO A LA SALUD-Pr\u00e1ctica de examen de carga viral \u00a0 Peticionario: Lizbeth Sarmiento Picalua y Jos\u00e9 Gallego Garc\u00eda \u00a0 Accionado: Saludcoop E.P.S \u00a0 Magistrado Ponente:\u00a0 \u00a0 Dr. MARCO GERARDO MONROY CABRA \u00a0 Bogot\u00e1 D.C., ocho (8) de julio de dos mil cuatro (2004) \u00a0 La Sala Sexta de la Corte Constitucional, integrada por los Magistrados Rodrigo Uprimny Yepes, \u00c1lvaro Tafur Galvis y Marco Gerardo Monroy Cabra, quien la preside, en ejercicio de sus competencias constitucionales y legales, ha pronunciado la siguiente\u00a0 \u00a0 SENTENCIA \u00a0 En el proceso de revisi\u00f3n de las sentencia proferida por ...<br \/><div class=\"pt-cv-rmwrap\"><a href=\"https:\/\/www.dmsjuridica.com\/buscador_20179478954\/corteconstitucionalcronologico202454587\/t-652-04\/\" class=\"_self pt-cv-readmore btn btn-success\" target=\"_self\">Ver Sentencia Completa...<\/a><\/div><\/div><\/div><\/div>\n<div class=\"col-md-12 col-sm-12 col-xs-12 pt-cv-content-item pt-cv-1-col\" ><div class='pt-cv-ifield'><a href=\"https:\/\/www.dmsjuridica.com\/buscador_20179478954\/corteconstitucionalcronologico202454587\/t-651-04\/\" class=\"_self pt-cv-href-thumbnail pt-cv-thumb-default\" target=\"_self\" ><\/a>\n<div class=\"pt-cv-taxoterm above_title\"><a href='https:\/\/www.dmsjuridica.com\/buscador_20179478954\/corteconstitucionalcronologico202454587\/category\/buscar-en-toda-la-corte\/2004\/tutelas-2004\/' title='Tutelas 2004' class='pt-cv-tax-tutelas-2004'>Tutelas 2004<\/a><\/div>\n<h4 class=\"pt-cv-title\"><a href=\"https:\/\/www.dmsjuridica.com\/buscador_20179478954\/corteconstitucionalcronologico202454587\/t-651-04\/\" class=\"_self\" target=\"_self\" >T-651-04<\/a><\/h4>\n<div class=\"pt-cv-content\">\u00a0 \u00a0 Sentencia T-651\/04 \u00a0 ACCION DE TUTELA-Subsidiariedad \u00a0 PERJUICIO IRREMEDIABLE-Elementos \u00a0 ACCION DE TUTELA-Improcedencia para impugnar legalidad del acto administrativo de reconocimiento pensional \u00a0 En principio y de conformidad con la jurisprudencia citada, la acci\u00f3n de tutela no es el mecanismo apropiado para impugnar la legalidad del acto administrativo de reconocimiento pensional que afecta al demandante. En efecto, la normatividad ha dispuesto dos formas principales de impugnaci\u00f3n de los actos administrativos: la primera, verificable ante la misma administraci\u00f3n y conocida como v\u00eda gubernativa, est\u00e1 dise\u00f1ada para que sean las propias autoridades administrativas, previa la interposici\u00f3n de los recursos correspondientes, ...<br \/><div class=\"pt-cv-rmwrap\"><a href=\"https:\/\/www.dmsjuridica.com\/buscador_20179478954\/corteconstitucionalcronologico202454587\/t-651-04\/\" class=\"_self pt-cv-readmore btn btn-success\" target=\"_self\">Ver Sentencia Completa...<\/a><\/div><\/div><\/div><\/div>\n<div class=\"col-md-12 col-sm-12 col-xs-12 pt-cv-content-item pt-cv-1-col\" ><div class='pt-cv-ifield'><a href=\"https:\/\/www.dmsjuridica.com\/buscador_20179478954\/corteconstitucionalcronologico202454587\/t-650-04\/\" class=\"_self pt-cv-href-thumbnail pt-cv-thumb-default\" target=\"_self\" ><\/a>\n<div class=\"pt-cv-taxoterm above_title\"><a href='https:\/\/www.dmsjuridica.com\/buscador_20179478954\/corteconstitucionalcronologico202454587\/category\/buscar-en-toda-la-corte\/2004\/tutelas-2004\/' title='Tutelas 2004' class='pt-cv-tax-tutelas-2004'>Tutelas 2004<\/a><\/div>\n<h4 class=\"pt-cv-title\"><a href=\"https:\/\/www.dmsjuridica.com\/buscador_20179478954\/corteconstitucionalcronologico202454587\/t-650-04\/\" class=\"_self\" target=\"_self\" >T-650-04<\/a><\/h4>\n<div class=\"pt-cv-content\">\u00a0 \u00a0 Sentencia T-650\/04 \u00a0 DERECHO A LA SALUD-Pr\u00e1ctica de cirug\u00eda sin cumplir periodo m\u00ednimo de cotizaci\u00f3n \u00a0 DERECHO A LA SALUD-Protecci\u00f3n al afiliado y a los beneficiarios por 30 d\u00edas m\u00e1s despu\u00e9s de desvinculaci\u00f3n laboral \u00a0 El Juez de instancia argument\u00f3 en su fallo que : \u201c... ser\u00eda procedente en el presente caso conceder la tutela solicitada por el accionante, si no fuera porque \u00e9ste ya no se encuentra afiliado a la EPS Sanitas.\u201d Esto es cierto, pero no es valida dicha respuesta en la medida que a la fecha que fue ordenada la cirug\u00eda, el accionante era beneficiario ...<br \/><div class=\"pt-cv-rmwrap\"><a href=\"https:\/\/www.dmsjuridica.com\/buscador_20179478954\/corteconstitucionalcronologico202454587\/t-650-04\/\" class=\"_self pt-cv-readmore btn btn-success\" target=\"_self\">Ver Sentencia Completa...<\/a><\/div><\/div><\/div><\/div>\n<div class=\"col-md-12 col-sm-12 col-xs-12 pt-cv-content-item pt-cv-1-col\" ><div class='pt-cv-ifield'><a href=\"https:\/\/www.dmsjuridica.com\/buscador_20179478954\/corteconstitucionalcronologico202454587\/t-649-04\/\" class=\"_self pt-cv-href-thumbnail pt-cv-thumb-default\" target=\"_self\" ><\/a>\n<div class=\"pt-cv-taxoterm above_title\"><a href='https:\/\/www.dmsjuridica.com\/buscador_20179478954\/corteconstitucionalcronologico202454587\/category\/buscar-en-toda-la-corte\/2004\/tutelas-2004\/' title='Tutelas 2004' class='pt-cv-tax-tutelas-2004'>Tutelas 2004<\/a><\/div>\n<h4 class=\"pt-cv-title\"><a href=\"https:\/\/www.dmsjuridica.com\/buscador_20179478954\/corteconstitucionalcronologico202454587\/t-649-04\/\" class=\"_self\" target=\"_self\" >T-649-04<\/a><\/h4>\n<div class=\"pt-cv-content\">\u00a0 \u00a0 Sentencia T-649\/04 \u00a0 DERECHO A LA IGUALDAD-Protecci\u00f3n de personas en circunstancias de debilidad manifiesta \u00a0 ACCION DE TUTELA-Protecci\u00f3n inmediata y directa de derechos fundamentales\/JUEZ DE TUTELA-Debe verificar si el otro medio de defensa judicial es igual de eficaz a la tutela \u00a0 PERSONA DE LA TERCERA EDAD-Veterano sobreviviente del conflicto Colombo-Peruano \u00a0 MINISTERIO DE DEFENSA NACIONAL-Respuesta en quince d\u00edas respecto a si el actor tiene derecho al subsidio alimentario por indigencia\/MINISTERIO DE DEFENSA NACIONAL-Gesti\u00f3n para que el actor y su familia sean incluidos en un programa de ancianos indigentes en caso de que no tengan derecho al subsidio ...<br \/><div class=\"pt-cv-rmwrap\"><a href=\"https:\/\/www.dmsjuridica.com\/buscador_20179478954\/corteconstitucionalcronologico202454587\/t-649-04\/\" class=\"_self pt-cv-readmore btn btn-success\" target=\"_self\">Ver Sentencia Completa...<\/a><\/div><\/div><\/div><\/div>\n<div class=\"col-md-12 col-sm-12 col-xs-12 pt-cv-content-item pt-cv-1-col\" ><div class='pt-cv-ifield'><a href=\"https:\/\/www.dmsjuridica.com\/buscador_20179478954\/corteconstitucionalcronologico202454587\/t-648-04\/\" class=\"_self pt-cv-href-thumbnail pt-cv-thumb-default\" target=\"_self\" ><\/a>\n<div class=\"pt-cv-taxoterm above_title\"><a href='https:\/\/www.dmsjuridica.com\/buscador_20179478954\/corteconstitucionalcronologico202454587\/category\/buscar-en-toda-la-corte\/2004\/tutelas-2004\/' title='Tutelas 2004' class='pt-cv-tax-tutelas-2004'>Tutelas 2004<\/a><\/div>\n<h4 class=\"pt-cv-title\"><a href=\"https:\/\/www.dmsjuridica.com\/buscador_20179478954\/corteconstitucionalcronologico202454587\/t-648-04\/\" class=\"_self\" target=\"_self\" >T-648-04<\/a><\/h4>\n<div class=\"pt-cv-content\">\u00a0 \u00a0 Sentencia T-648\/04 \u00a0 CONYUGE-Curadora provisional de los bienes del desaparecido \u00a0 DESAPARICION FORZADA DEL PENSIONADO-No se deja desprotegida a familia\/DESAPARICION FORZADA DEL PENSIONADO-Se debe promover la declaraci\u00f3n de muerte por desaparecimiento y la sustituci\u00f3n pensional \u00a0 ACCION DE TUTELA-Carencia actual de objeto por cuanto la c\u00f3nyuge tiene la curadur\u00eda provisional de los bienes del desaparecido \u00a0 Referencia: Expediente T-885343 \u00a0 Peticionario: Ilia Mercedes Narv\u00e1ez Narv\u00e1ez \u00a0 Magistrado Ponente: \u00a0 Dr. ALFREDO BELTR\u00c1N SIERRA \u00a0 Bogot\u00e1, D. C., ocho (8) de julio de dos mil cuatro (2004). \u00a0 La Sala Segunda de Revisi\u00f3n de la Corte Constitucional, integrada por ...<br \/><div class=\"pt-cv-rmwrap\"><a href=\"https:\/\/www.dmsjuridica.com\/buscador_20179478954\/corteconstitucionalcronologico202454587\/t-648-04\/\" class=\"_self pt-cv-readmore btn btn-success\" target=\"_self\">Ver Sentencia Completa...<\/a><\/div><\/div><\/div><\/div>\n<div class=\"col-md-12 col-sm-12 col-xs-12 pt-cv-content-item pt-cv-1-col\" ><div class='pt-cv-ifield'><a href=\"https:\/\/www.dmsjuridica.com\/buscador_20179478954\/corteconstitucionalcronologico202454587\/t-647-04\/\" class=\"_self pt-cv-href-thumbnail pt-cv-thumb-default\" target=\"_self\" ><\/a>\n<div class=\"pt-cv-taxoterm above_title\"><a href='https:\/\/www.dmsjuridica.com\/buscador_20179478954\/corteconstitucionalcronologico202454587\/category\/buscar-en-toda-la-corte\/2004\/tutelas-2004\/' title='Tutelas 2004' class='pt-cv-tax-tutelas-2004'>Tutelas 2004<\/a><\/div>\n<h4 class=\"pt-cv-title\"><a href=\"https:\/\/www.dmsjuridica.com\/buscador_20179478954\/corteconstitucionalcronologico202454587\/t-647-04\/\" class=\"_self\" target=\"_self\" >T-647-04<\/a><\/h4>\n<div class=\"pt-cv-content\">\u00a0 \u00a0 Sentencia T-647\/04 \u00a0 ACCION DE TUTELA CONTRA PARTICULARES-Procedencia excepcional \u00a0 ACCION DE TUTELA CONTRA PARTICULARES-Presupuestos \u00a0 ACCION DE TUTELA CONTRA PARTICULARES-Improcedencia para el caso \u00a0 ENTIDAD ESTATAL-Incumplimiento de deberes constitucionales \u00a0 La Corte advierte c\u00f3mo en el asunto de la referencia una entidad estatal, que si bien hizo uso de uno de sus derechos fundamentales, esto es, reclamar ante la jurisdicci\u00f3n constitucional la protecci\u00f3n inmediata de los derechos presuntamente amenazados o violados, incumpli\u00f3 a su vez, los deberes que la propia Carta impone, entre ellos, respetar los derechos ajenos y no abusar de los propios (Art. 95-1 C.P.) ...<br \/><div class=\"pt-cv-rmwrap\"><a href=\"https:\/\/www.dmsjuridica.com\/buscador_20179478954\/corteconstitucionalcronologico202454587\/t-647-04\/\" class=\"_self pt-cv-readmore btn btn-success\" target=\"_self\">Ver Sentencia Completa...<\/a><\/div><\/div><\/div><\/div>\n<div class=\"col-md-12 col-sm-12 col-xs-12 pt-cv-content-item pt-cv-1-col\" ><div class='pt-cv-ifield'><a href=\"https:\/\/www.dmsjuridica.com\/buscador_20179478954\/corteconstitucionalcronologico202454587\/t-646-04\/\" class=\"_self pt-cv-href-thumbnail pt-cv-thumb-default\" target=\"_self\" ><\/a>\n<div class=\"pt-cv-taxoterm above_title\"><a href='https:\/\/www.dmsjuridica.com\/buscador_20179478954\/corteconstitucionalcronologico202454587\/category\/buscar-en-toda-la-corte\/2004\/tutelas-2004\/' title='Tutelas 2004' class='pt-cv-tax-tutelas-2004'>Tutelas 2004<\/a><\/div>\n<h4 class=\"pt-cv-title\"><a href=\"https:\/\/www.dmsjuridica.com\/buscador_20179478954\/corteconstitucionalcronologico202454587\/t-646-04\/\" class=\"_self\" target=\"_self\" >T-646-04<\/a><\/h4>\n<div class=\"pt-cv-content\">\u00a0 \u00a0 Sentencia T-646\/04 \u00a0 ACCION DE TUTELA-Hecho superado por pr\u00e1ctica de cirug\u00eda \u00a0 Reiteraci\u00f3n de jurisprudencia \u00a0 Referencia: expediente T-859873 \u00a0 Acci\u00f3n de tutela incoada por Luz Stella Garc\u00eda Ni\u00f1o contra Colsanitas Medicina Prepagada y la E.P.S. Sanitas. \u00a0 Magistrado Ponente: \u00a0 Dr. ALVARO TAFUR GALVIS \u00a0 Bogot\u00e1, D.C., siete (7) de julio de dos mil cuatro (2004). \u00a0 La Sala Octava de Revisi\u00f3n de la Corte Constitucional, en ejercicio de sus competencias constitucionales y legales, espec\u00edficamente las previstas en los art\u00edculos 86 y \u00a0241, numeral 9, de la Constituci\u00f3n Pol\u00edtica y en el Decreto 2591 de 1991, ha ...<br \/><div class=\"pt-cv-rmwrap\"><a href=\"https:\/\/www.dmsjuridica.com\/buscador_20179478954\/corteconstitucionalcronologico202454587\/t-646-04\/\" class=\"_self pt-cv-readmore btn btn-success\" target=\"_self\">Ver Sentencia Completa...<\/a><\/div><\/div><\/div><\/div>\n<div class=\"col-md-12 col-sm-12 col-xs-12 pt-cv-content-item pt-cv-1-col\" ><div class='pt-cv-ifield'><a href=\"https:\/\/www.dmsjuridica.com\/buscador_20179478954\/corteconstitucionalcronologico202454587\/t-645-04\/\" class=\"_self pt-cv-href-thumbnail pt-cv-thumb-default\" target=\"_self\" ><\/a>\n<div class=\"pt-cv-taxoterm above_title\"><a href='https:\/\/www.dmsjuridica.com\/buscador_20179478954\/corteconstitucionalcronologico202454587\/category\/buscar-en-toda-la-corte\/2004\/tutelas-2004\/' title='Tutelas 2004' class='pt-cv-tax-tutelas-2004'>Tutelas 2004<\/a><\/div>\n<h4 class=\"pt-cv-title\"><a href=\"https:\/\/www.dmsjuridica.com\/buscador_20179478954\/corteconstitucionalcronologico202454587\/t-645-04\/\" class=\"_self\" target=\"_self\" >T-645-04<\/a><\/h4>\n<div class=\"pt-cv-content\">\u00a0 \u00a0 Sentencia T-645\/04 \u00a0 AGENCIA OFICIOSA EN TUTELA-Requisitos \u00a0 AGENCIA OFICIOSA EN TUTELA-Legalidad e inter\u00e9s \u00a0 AGENCIA OFICIOSA EN TUTELA-Madre en representaci\u00f3n de hijo mayor de edad\/AGENCIA OFICIOSA EN TUTELA-Necesidad de probar imposibilidad de accionar \u00a0 LEGITIMACION POR ACTIVA-Madre en representaci\u00f3n de hija mayor de edad \u00a0 La jurisprudencia de esta Corporaci\u00f3n se\u00f1ala que la relaci\u00f3n filial no legitima el actuar del padre o de la madre para interponer la acci\u00f3n de tutela a favor de un hijo mayor de edad, salvo que se demuestre que el interesado se encuentra imposibilitado para promover la tutela en defensa de sus ...<br \/><div class=\"pt-cv-rmwrap\"><a href=\"https:\/\/www.dmsjuridica.com\/buscador_20179478954\/corteconstitucionalcronologico202454587\/t-645-04\/\" class=\"_self pt-cv-readmore btn btn-success\" target=\"_self\">Ver Sentencia Completa...<\/a><\/div><\/div><\/div><\/div>\n<div class=\"col-md-12 col-sm-12 col-xs-12 pt-cv-content-item pt-cv-1-col\" ><div class='pt-cv-ifield'><a href=\"https:\/\/www.dmsjuridica.com\/buscador_20179478954\/corteconstitucionalcronologico202454587\/t-643-04\/\" class=\"_self pt-cv-href-thumbnail pt-cv-thumb-default\" target=\"_self\" ><\/a>\n<div class=\"pt-cv-taxoterm above_title\"><a href='https:\/\/www.dmsjuridica.com\/buscador_20179478954\/corteconstitucionalcronologico202454587\/category\/buscar-en-toda-la-corte\/2004\/tutelas-2004\/' title='Tutelas 2004' class='pt-cv-tax-tutelas-2004'>Tutelas 2004<\/a><\/div>\n<h4 class=\"pt-cv-title\"><a href=\"https:\/\/www.dmsjuridica.com\/buscador_20179478954\/corteconstitucionalcronologico202454587\/t-643-04\/\" class=\"_self\" target=\"_self\" >T-643-04<\/a><\/h4>\n<div class=\"pt-cv-content\">\u00a0 \u00a0 Sentencia T-643\/04 \u00a0 DERECHO DE PETICION-Alcance\/DERECHO DE PETICION-N\u00facleo esencial \u00a0 DERECHO DE PETICION-Si no se puede responder antes del vencimiento del t\u00e9rmino, se deben exponer los motivos por lo cual ello no es posible \u00a0 CAJA NACIONAL DE PREVISION SOCIAL-Resoluci\u00f3n de fondo \u00a0 Referencia : expediente T-865423 \u00a0 Peticionario: Marina Ospina Cortes. \u00a0 Demandado: Caja Nacional de Previsi\u00f3n Social, Seccional Antioquia. \u00a0 Magistrado Ponente:\u00a0 \u00a0 Dr. RODRIGO ESCOBAR GIL \u00a0 Bogot\u00e1, D.C., seis (6) de julio de dos mil cuatro (2004). \u00a0 La Sala Quinta de Revisi\u00f3n de la Corte Constitucional, integrada por los Magistrados Rodrigo Escobar Gil, ...<br \/><div class=\"pt-cv-rmwrap\"><a href=\"https:\/\/www.dmsjuridica.com\/buscador_20179478954\/corteconstitucionalcronologico202454587\/t-643-04\/\" class=\"_self pt-cv-readmore btn btn-success\" target=\"_self\">Ver Sentencia Completa...<\/a><\/div><\/div><\/div><\/div>\n<div class=\"col-md-12 col-sm-12 col-xs-12 pt-cv-content-item pt-cv-1-col\" ><div class='pt-cv-ifield'><a href=\"https:\/\/www.dmsjuridica.com\/buscador_20179478954\/corteconstitucionalcronologico202454587\/t-642-04\/\" class=\"_self pt-cv-href-thumbnail pt-cv-thumb-default\" target=\"_self\" ><\/a>\n<div class=\"pt-cv-taxoterm above_title\"><a href='https:\/\/www.dmsjuridica.com\/buscador_20179478954\/corteconstitucionalcronologico202454587\/category\/buscar-en-toda-la-corte\/2004\/tutelas-2004\/' title='Tutelas 2004' class='pt-cv-tax-tutelas-2004'>Tutelas 2004<\/a><\/div>\n<h4 class=\"pt-cv-title\"><a href=\"https:\/\/www.dmsjuridica.com\/buscador_20179478954\/corteconstitucionalcronologico202454587\/t-642-04\/\" class=\"_self\" target=\"_self\" >T-642-04<\/a><\/h4>\n<div class=\"pt-cv-content\">\u00a0 \u00a0 Sentencia T-642\/04 \u00a0 DERECHO A LA EDUCACION-Fundamental \u00a0 IGUALDAD DE OPORTUNIDADES-Acceso a la educaci\u00f3n \u00a0 ESTADO-Igualdad de condiciones para acceso a la educaci\u00f3n superior \u00a0 El Estado debe garantizar el acceso a la educaci\u00f3n superior en igualdad de condiciones para todos y establecer requisitos para la asignaci\u00f3n de los cupos, con base en criterios de capacidad y m\u00e9rito acad\u00e9mico. La igualdad de acceso a la que se hace referencia, consiste en el derecho de toda persona interesada en la adjudicaci\u00f3n de un cupo en un establecimiento educativo a acceder en igualdad de condiciones al proceso de selecci\u00f3n de ...<br \/><div class=\"pt-cv-rmwrap\"><a href=\"https:\/\/www.dmsjuridica.com\/buscador_20179478954\/corteconstitucionalcronologico202454587\/t-642-04\/\" class=\"_self pt-cv-readmore btn btn-success\" target=\"_self\">Ver Sentencia Completa...<\/a><\/div><\/div><\/div><\/div>\n<div class=\"col-md-12 col-sm-12 col-xs-12 pt-cv-content-item pt-cv-1-col\" ><div class='pt-cv-ifield'><a href=\"https:\/\/www.dmsjuridica.com\/buscador_20179478954\/corteconstitucionalcronologico202454587\/t-641-04\/\" class=\"_self pt-cv-href-thumbnail pt-cv-thumb-default\" target=\"_self\" ><\/a>\n<div class=\"pt-cv-taxoterm above_title\"><a href='https:\/\/www.dmsjuridica.com\/buscador_20179478954\/corteconstitucionalcronologico202454587\/category\/buscar-en-toda-la-corte\/2004\/tutelas-2004\/' title='Tutelas 2004' class='pt-cv-tax-tutelas-2004'>Tutelas 2004<\/a><\/div>\n<h4 class=\"pt-cv-title\"><a href=\"https:\/\/www.dmsjuridica.com\/buscador_20179478954\/corteconstitucionalcronologico202454587\/t-641-04\/\" class=\"_self\" target=\"_self\" >T-641-04<\/a><\/h4>\n<div class=\"pt-cv-content\">\u00a0 \u00a0 Sentencia T-641\/04 \u00a0 LICENCIA DE MATERNIDAD-Protecci\u00f3n constitucional \u00a0 LICENCIA DE MATERNIDAD-Procedencia excepcional de tutela para el pago\/LICENCIA DE MATERNIDAD-Pago por tutela cuando afecta el m\u00ednimo vital de la madre y su hijo \u00a0 LICENCIA DE MATERNIDAD-Pago por allanamiento a la mora por EPS \u00a0 LICENCIA DE MATERNIDAD-T\u00e9rmino para solicitar pago dentro del a\u00f1o siguiente al nacimiento del ni\u00f1o \u00a0 DERECHO AL MINIMO VITAL DE LA MADRE Y SU HIJO RECIEN NACIDO-Pago licencia de maternidad \u00a0 LICENCIA DE MATERNIDAD-Aportes al sistema por un periodo igual al de la gestaci\u00f3n \u00a0 Referencia: expediente T-863929 \u00a0 Accionante: Sol Mar\u00eda Montiel Pacheco ...<br \/><div class=\"pt-cv-rmwrap\"><a href=\"https:\/\/www.dmsjuridica.com\/buscador_20179478954\/corteconstitucionalcronologico202454587\/t-641-04\/\" class=\"_self pt-cv-readmore btn btn-success\" target=\"_self\">Ver Sentencia Completa...<\/a><\/div><\/div><\/div><\/div>\n<div class=\"col-md-12 col-sm-12 col-xs-12 pt-cv-content-item pt-cv-1-col\" ><div class='pt-cv-ifield'><a href=\"https:\/\/www.dmsjuridica.com\/buscador_20179478954\/corteconstitucionalcronologico202454587\/t-640-04\/\" class=\"_self pt-cv-href-thumbnail pt-cv-thumb-default\" target=\"_self\" ><\/a>\n<div class=\"pt-cv-taxoterm above_title\"><a href='https:\/\/www.dmsjuridica.com\/buscador_20179478954\/corteconstitucionalcronologico202454587\/category\/buscar-en-toda-la-corte\/2004\/tutelas-2004\/' title='Tutelas 2004' class='pt-cv-tax-tutelas-2004'>Tutelas 2004<\/a><\/div>\n<h4 class=\"pt-cv-title\"><a href=\"https:\/\/www.dmsjuridica.com\/buscador_20179478954\/corteconstitucionalcronologico202454587\/t-640-04\/\" class=\"_self\" target=\"_self\" >T-640-04<\/a><\/h4>\n<div class=\"pt-cv-content\">\u00a0 \u00a0 Sentencia T-640\/04 \u00a0 LICENCIA DE MATERNIDAD-Protecci\u00f3n constitucional \u00a0 LICENCIA DE MATERNIDAD-Procedencia excepcional de tutela para el pago\/LICENCIA DE MATERNIDAD-Pago por tutela cuando afecta el m\u00ednimo vital de la madre y su hijo \u00a0 LICENCIA DE MATERNIDAD-Pago por allanamiento a la mora por EPS \u00a0 LICENCIA DE MATERNIDAD-T\u00e9rmino para solicitar pago dentro del a\u00f1o siguiente al nacimiento del ni\u00f1o \u00a0 DERECHO AL MINIMO VITAL DE LA MADRE Y SU HIJO RECIEN NACIDO-Pago licencia de maternidad\/TRABAJADORA INDEPENDIENTE-Pago de licencia de maternidad \u00a0 LICENCIA DE MATERNIDAD-Requisitos para el pago \u00a0 El derecho al pago de la licencia de maternidad se causa ...<br \/><div class=\"pt-cv-rmwrap\"><a href=\"https:\/\/www.dmsjuridica.com\/buscador_20179478954\/corteconstitucionalcronologico202454587\/t-640-04\/\" class=\"_self pt-cv-readmore btn btn-success\" target=\"_self\">Ver Sentencia Completa...<\/a><\/div><\/div><\/div><\/div>\n<div class=\"col-md-12 col-sm-12 col-xs-12 pt-cv-content-item pt-cv-1-col\" ><div class='pt-cv-ifield'><a href=\"https:\/\/www.dmsjuridica.com\/buscador_20179478954\/corteconstitucionalcronologico202454587\/t-639-04\/\" class=\"_self pt-cv-href-thumbnail pt-cv-thumb-default\" target=\"_self\" ><\/a>\n<div class=\"pt-cv-taxoterm above_title\"><a href='https:\/\/www.dmsjuridica.com\/buscador_20179478954\/corteconstitucionalcronologico202454587\/category\/buscar-en-toda-la-corte\/2004\/tutelas-2004\/' title='Tutelas 2004' class='pt-cv-tax-tutelas-2004'>Tutelas 2004<\/a><\/div>\n<h4 class=\"pt-cv-title\"><a href=\"https:\/\/www.dmsjuridica.com\/buscador_20179478954\/corteconstitucionalcronologico202454587\/t-639-04\/\" class=\"_self\" target=\"_self\" >T-639-04<\/a><\/h4>\n<div class=\"pt-cv-content\">\u00a0 \u00a0 Sentencia T-639\/04 \u00a0 INCIDENTE DE NULIDAD EN SEDE DE REVISION DE TUTELA-Casos especiales \u00a0 La decisi\u00f3n de abstenerse de devolver el expediente al juez de primera instancia, y, por ende, tramitar directamente el incidente de nulidad en sede de revisi\u00f3n, obedece a casos especiales en los cuales la Corte Constitucional se apoya en los principios de celeridad y econom\u00eda procesal, con el prop\u00f3sito de asegurar la prestaci\u00f3n del servicio de justicia de manera inminente, ante una amenaza seria, actual y directa sobre derechos fundamentales, dando con ello prioridad al valor y principio de la justicia sobre las formas ...<br \/><div class=\"pt-cv-rmwrap\"><a href=\"https:\/\/www.dmsjuridica.com\/buscador_20179478954\/corteconstitucionalcronologico202454587\/t-639-04\/\" class=\"_self pt-cv-readmore btn btn-success\" target=\"_self\">Ver Sentencia Completa...<\/a><\/div><\/div><\/div><\/div>\n<div class=\"col-md-12 col-sm-12 col-xs-12 pt-cv-content-item pt-cv-1-col\" ><div class='pt-cv-ifield'><a href=\"https:\/\/www.dmsjuridica.com\/buscador_20179478954\/corteconstitucionalcronologico202454587\/t-638-04\/\" class=\"_self pt-cv-href-thumbnail pt-cv-thumb-default\" target=\"_self\" ><\/a>\n<div class=\"pt-cv-taxoterm above_title\"><a href='https:\/\/www.dmsjuridica.com\/buscador_20179478954\/corteconstitucionalcronologico202454587\/category\/buscar-en-toda-la-corte\/2004\/tutelas-2004\/' title='Tutelas 2004' class='pt-cv-tax-tutelas-2004'>Tutelas 2004<\/a><\/div>\n<h4 class=\"pt-cv-title\"><a href=\"https:\/\/www.dmsjuridica.com\/buscador_20179478954\/corteconstitucionalcronologico202454587\/t-638-04\/\" class=\"_self\" target=\"_self\" >T-638-04<\/a><\/h4>\n<div class=\"pt-cv-content\">\u00a0 \u00a0 Sentencia T-638\/04 \u00a0 DERECHO DE PETICION-Alcance\/DERECHO DE PETICION-N\u00facleo esencial\/DERECHO DE PETICION-Requisitos de procedibilidad \u00a0 DERECHO DE PETICION EN MATERIA PENSIONAL-T\u00e9rminos para resolver \u00a0 DERECHO DE PETICION-Resoluci\u00f3n de fondo y completa sobre sustituci\u00f3n pensional \u00a0 DERECHO A LA SUSTITUCION PENSIONAL-Finalidad\/DERECHO A LA SUSTITUCION PENSIONAL-Protecci\u00f3n a persona discapacitada \u00a0 DERECHO DE PETICION EN MATERIA DE SUSTITUCION PENSIONAL-La entidad no cumpli\u00f3 con la obligaci\u00f3n de continuar el tr\u00e1mite dado al escrito \u00a0 La accionante elev\u00f3 la solicitud de sustituci\u00f3n pensional el 29 de septiembre de 2003 y para el momento en que interpuso la acci\u00f3n de tutela-31 de octubre de 2003-no ...<br \/><div class=\"pt-cv-rmwrap\"><a href=\"https:\/\/www.dmsjuridica.com\/buscador_20179478954\/corteconstitucionalcronologico202454587\/t-638-04\/\" class=\"_self pt-cv-readmore btn btn-success\" target=\"_self\">Ver Sentencia Completa...<\/a><\/div><\/div><\/div><\/div>\n<div class=\"col-md-12 col-sm-12 col-xs-12 pt-cv-content-item pt-cv-1-col\" ><div class='pt-cv-ifield'><a href=\"https:\/\/www.dmsjuridica.com\/buscador_20179478954\/corteconstitucionalcronologico202454587\/t-637-04\/\" class=\"_self pt-cv-href-thumbnail pt-cv-thumb-default\" target=\"_self\" ><\/a>\n<div class=\"pt-cv-taxoterm above_title\"><a href='https:\/\/www.dmsjuridica.com\/buscador_20179478954\/corteconstitucionalcronologico202454587\/category\/buscar-en-toda-la-corte\/2004\/tutelas-2004\/' title='Tutelas 2004' class='pt-cv-tax-tutelas-2004'>Tutelas 2004<\/a><\/div>\n<h4 class=\"pt-cv-title\"><a href=\"https:\/\/www.dmsjuridica.com\/buscador_20179478954\/corteconstitucionalcronologico202454587\/t-637-04\/\" class=\"_self\" target=\"_self\" >T-637-04<\/a><\/h4>\n<div class=\"pt-cv-content\">\u00a0 \u00a0 Sentencia T-637\/04 \u00a0 ENTIDAD FINANCIERA-Posici\u00f3n dominante \u00a0 ACTO PROPIO-Respeto \u00a0 DEBIDO PROCESO-Revocaci\u00f3n unilateral de cr\u00e9dito hipotecario \u00a0 DERECHO AL BUEN NOMBRE-Rectificaci\u00f3n de informaci\u00f3n por Colpatria por pago de obligaci\u00f3n hipotecaria \u00a0 Referencia: expediente T-865500 \u00a0 Acci\u00f3n de tutela de Antonio Fl\u00f3rez Gariz\u00e1bal contra el Banco Colpatria \u00a0 Magistrado Ponente: \u00a0 Dr. JAIME C\u00d3RDOBA TRIVI\u00d1O \u00a0 La Sala Cuarta de Revisi\u00f3n de la Corte Constitucional, en ejercicio de sus competencias constitucionales y legales, ha proferido la siguiente \u00a0 SENTENCIA \u00a0 dentro del tr\u00e1mite de revisi\u00f3n de la tutela instaurada por Antonio Fl\u00f3rez Gariz\u00e1bal contra el Banco Colpatria. \u00a0 \u00a0 ...<br \/><div class=\"pt-cv-rmwrap\"><a href=\"https:\/\/www.dmsjuridica.com\/buscador_20179478954\/corteconstitucionalcronologico202454587\/t-637-04\/\" class=\"_self pt-cv-readmore btn btn-success\" target=\"_self\">Ver Sentencia Completa...<\/a><\/div><\/div><\/div><\/div>\n<div class=\"col-md-12 col-sm-12 col-xs-12 pt-cv-content-item pt-cv-1-col\" ><div class='pt-cv-ifield'><a href=\"https:\/\/www.dmsjuridica.com\/buscador_20179478954\/corteconstitucionalcronologico202454587\/t-636-04\/\" class=\"_self pt-cv-href-thumbnail pt-cv-thumb-default\" target=\"_self\" ><\/a>\n<div class=\"pt-cv-taxoterm above_title\"><a href='https:\/\/www.dmsjuridica.com\/buscador_20179478954\/corteconstitucionalcronologico202454587\/category\/buscar-en-toda-la-corte\/2004\/tutelas-2004\/' title='Tutelas 2004' class='pt-cv-tax-tutelas-2004'>Tutelas 2004<\/a><\/div>\n<h4 class=\"pt-cv-title\"><a href=\"https:\/\/www.dmsjuridica.com\/buscador_20179478954\/corteconstitucionalcronologico202454587\/t-636-04\/\" class=\"_self\" target=\"_self\" >T-636-04<\/a><\/h4>\n<div class=\"pt-cv-content\">\u00a0 \u00a0 Sentencia T-636\/04 \u00a0 MUJER EMBARAZADA-Protecci\u00f3n constitucional especial \u00a0 LICENCIA DE MATERNIDAD-Procedencia excepcional de tutela para el pago\/LICENCIA DE MATERNIDAD-Pago por tutela cuando afecta el m\u00ednimo vital de la madre y su hijo \u00a0 LICENCIA DE MATERNIDAD-Objeto \u00a0 LICENCIA DE MATERNIDAD-T\u00e9rmino para reclamarla \u00a0 LICENCIA DE MATERNIDAD-Pago por allanamiento a la mora por EPS \u00a0 Reiteraci\u00f3n de Jurisprudencia \u00a0 Referencia: expediente T-862862 \u00a0 Acci\u00f3n de tutela instaurada por Nelsy S\u00e1nchez Hern\u00e1ndez contra SaludCoop E.P.S.\u00a0 \u00a0 Magistrado Ponente: \u00a0 Dr. JAIME ARA\u00daJO RENTER\u00cdA \u00a0 Bogot\u00e1, D. C., primero ( 1 ) de julio de dos mil cuatro (2004) \u00a0 La ...<br \/><div class=\"pt-cv-rmwrap\"><a href=\"https:\/\/www.dmsjuridica.com\/buscador_20179478954\/corteconstitucionalcronologico202454587\/t-636-04\/\" class=\"_self pt-cv-readmore btn btn-success\" target=\"_self\">Ver Sentencia Completa...<\/a><\/div><\/div><\/div><\/div>\n<div class=\"col-md-12 col-sm-12 col-xs-12 pt-cv-content-item pt-cv-1-col\" ><div class='pt-cv-ifield'><a href=\"https:\/\/www.dmsjuridica.com\/buscador_20179478954\/corteconstitucionalcronologico202454587\/t-635-04\/\" class=\"_self pt-cv-href-thumbnail pt-cv-thumb-default\" target=\"_self\" ><\/a>\n<div class=\"pt-cv-taxoterm above_title\"><a href='https:\/\/www.dmsjuridica.com\/buscador_20179478954\/corteconstitucionalcronologico202454587\/category\/buscar-en-toda-la-corte\/2004\/tutelas-2004\/' title='Tutelas 2004' class='pt-cv-tax-tutelas-2004'>Tutelas 2004<\/a><\/div>\n<h4 class=\"pt-cv-title\"><a href=\"https:\/\/www.dmsjuridica.com\/buscador_20179478954\/corteconstitucionalcronologico202454587\/t-635-04\/\" class=\"_self\" target=\"_self\" >T-635-04<\/a><\/h4>\n<div class=\"pt-cv-content\">\u00a0 \u00a0 Sentencia T-635\/04 \u00a0 ACCION DE TUTELA-Inmediatez \u00a0 ACCION DE TUTELA-T\u00e9rmino razonable de presentaci\u00f3n \u00a0 Reiteraci\u00f3n de Jurisprudencia \u00a0 Referencia: expediente T-863387 \u00a0 Acci\u00f3n de tutela interpuesta por Hermilda Sierra Jaramillo contra la Fiscal\u00eda General de la Naci\u00f3n. \u00a0 \u00a0 \u00a0 Magistrado Ponente \u00a0 Dr. JAIME ARA\u00daJO RENTER\u00cdA \u00a0 Bogot\u00e1, D. C., primero (1) de \u00a0julio de dos mil cuatro (2004) \u00a0 \u00a0 La Sala Primera de Revisi\u00f3n de la Corte Constitucional, integrada por los Magistrados JAIME ARA\u00daJO RENTER\u00cdA, MANUEL JOSE CEPEDA ESPINOSA y ALFREDO BELTRAN SIERRA, en ejercicio de sus competencias constitucionales y legales, ha proferido la siguiente ...<br \/><div class=\"pt-cv-rmwrap\"><a href=\"https:\/\/www.dmsjuridica.com\/buscador_20179478954\/corteconstitucionalcronologico202454587\/t-635-04\/\" class=\"_self pt-cv-readmore btn btn-success\" target=\"_self\">Ver Sentencia Completa...<\/a><\/div><\/div><\/div><\/div>\n<div class=\"col-md-12 col-sm-12 col-xs-12 pt-cv-content-item pt-cv-1-col\" ><div class='pt-cv-ifield'><a href=\"https:\/\/www.dmsjuridica.com\/buscador_20179478954\/corteconstitucionalcronologico202454587\/t-634-04\/\" class=\"_self pt-cv-href-thumbnail pt-cv-thumb-default\" target=\"_self\" ><\/a>\n<div class=\"pt-cv-taxoterm above_title\"><a href='https:\/\/www.dmsjuridica.com\/buscador_20179478954\/corteconstitucionalcronologico202454587\/category\/buscar-en-toda-la-corte\/2004\/tutelas-2004\/' title='Tutelas 2004' class='pt-cv-tax-tutelas-2004'>Tutelas 2004<\/a><\/div>\n<h4 class=\"pt-cv-title\"><a href=\"https:\/\/www.dmsjuridica.com\/buscador_20179478954\/corteconstitucionalcronologico202454587\/t-634-04\/\" class=\"_self\" target=\"_self\" >T-634-04<\/a><\/h4>\n<div class=\"pt-cv-content\">\u00a0 \u00a0 Sentencia T-634\/04 \u00a0 DERECHO A LA VIDA E INTEGRIDAD PERSONAL-Se debe realizar nuevo examen para definir cirug\u00eda de ves\u00edcula \u00a0 Referencia: expediente T-837513 \u00a0 Actora: Mar\u00eda Dolores Londo\u00f1o Quiceno \u00a0 Procedencia: Juzgado \u00a0Primero Penal del Circuito de Manizales \u00a0 Magistrado Ponente:\u00a0 \u00a0 Dr. MARCO GERARDO MONROY CABRA \u00a0 Bogot\u00e1, D. C., primero (1) de julio de dos mil cuatro (2004). \u00a0 La Sala Sexta de Revisi\u00f3n de la Corte Constitucional, integrada por los Magistrados doctores, \u00c1lvaro Tafur Galvis, Rodrigo Uprimny Yepes y Marco Gerardo Monroy Cabra, quien la preside, en ejercicio de sus competencias constitucionales y legales han ...<br \/><div class=\"pt-cv-rmwrap\"><a href=\"https:\/\/www.dmsjuridica.com\/buscador_20179478954\/corteconstitucionalcronologico202454587\/t-634-04\/\" class=\"_self pt-cv-readmore btn btn-success\" target=\"_self\">Ver Sentencia Completa...<\/a><\/div><\/div><\/div><\/div>\n<div class=\"col-md-12 col-sm-12 col-xs-12 pt-cv-content-item pt-cv-1-col\" ><div class='pt-cv-ifield'><a href=\"https:\/\/www.dmsjuridica.com\/buscador_20179478954\/corteconstitucionalcronologico202454587\/t-633-04\/\" class=\"_self pt-cv-href-thumbnail pt-cv-thumb-default\" target=\"_self\" ><\/a>\n<div class=\"pt-cv-taxoterm above_title\"><a href='https:\/\/www.dmsjuridica.com\/buscador_20179478954\/corteconstitucionalcronologico202454587\/category\/buscar-en-toda-la-corte\/2004\/tutelas-2004\/' title='Tutelas 2004' class='pt-cv-tax-tutelas-2004'>Tutelas 2004<\/a><\/div>\n<h4 class=\"pt-cv-title\"><a href=\"https:\/\/www.dmsjuridica.com\/buscador_20179478954\/corteconstitucionalcronologico202454587\/t-633-04\/\" class=\"_self\" target=\"_self\" >T-633-04<\/a><\/h4>\n<div class=\"pt-cv-content\">\u00a0 \u00a0 Sentencia T-633\/04 \u00a0 ACCION DE TUTELA-Procedencia excepcional pago de acreencias laborales\/DERECHO AL MINIMO VITAL DEL TRABAJADOR-Pago oportuno de salarios \u00a0 ACCION DE TUTELA-Par\u00e1metros que deben cumplirse para la procedencia excepcional del pago de salarios \u00a0 ACCION DE TUTELA-Improcedencia por no darse el presupuesto de la inmediatez \u00a0 ACCION DE TUTELA-T\u00e9rmino razonable de presentaci\u00f3n\/ACCION DE TUTELA-Inmediatez en caso de acreencias laborales \u00a0 ACCION DE TUTELA-Improcedencia pago de prestaciones sociales por no afectaci\u00f3n del m\u00ednimo vital \u00a0 DERECHO A LA IGUALDAD-No existi\u00f3 trato discriminatorio entre docentes municipales respecto al pago de salarios \u00a0 Referencia: expedientes T-862319 y T-862320 \u00a0 Accionado: ...<br \/><div class=\"pt-cv-rmwrap\"><a href=\"https:\/\/www.dmsjuridica.com\/buscador_20179478954\/corteconstitucionalcronologico202454587\/t-633-04\/\" class=\"_self pt-cv-readmore btn btn-success\" target=\"_self\">Ver Sentencia Completa...<\/a><\/div><\/div><\/div><\/div>\n<div class=\"col-md-12 col-sm-12 col-xs-12 pt-cv-content-item pt-cv-1-col\" ><div class='pt-cv-ifield'><a href=\"https:\/\/www.dmsjuridica.com\/buscador_20179478954\/corteconstitucionalcronologico202454587\/t-632-04\/\" class=\"_self pt-cv-href-thumbnail pt-cv-thumb-default\" target=\"_self\" ><\/a>\n<div class=\"pt-cv-taxoterm above_title\"><a href='https:\/\/www.dmsjuridica.com\/buscador_20179478954\/corteconstitucionalcronologico202454587\/category\/buscar-en-toda-la-corte\/2004\/tutelas-2004\/' title='Tutelas 2004' class='pt-cv-tax-tutelas-2004'>Tutelas 2004<\/a><\/div>\n<h4 class=\"pt-cv-title\"><a href=\"https:\/\/www.dmsjuridica.com\/buscador_20179478954\/corteconstitucionalcronologico202454587\/t-632-04\/\" class=\"_self\" target=\"_self\" >T-632-04<\/a><\/h4>\n<div class=\"pt-cv-content\">\u00a0 \u00a0 Sentencia: T-632\/04 \u00a0 ACCION DE TUTELA TRANSITORIA-Existencia de perjuicio irremediable \u00a0 COOPERATIVAS DE TRABAJO ASOCIADO \u00a0 COOPERATIVAS DE TRABAJO ASOCIADO-Facultad para expedir los propios estatutos o reglamentos \u00a0 COOPERATIVAS DE TRABAJO ASOCIADO-Libertad de regulaci\u00f3n de estatutos o reglamentos no es absoluta\/COOPERATIVAS DE TRABAJO ASOCIADO-Autonom\u00eda estatutaria limitada \u00a0 DERECHO A LA ESTABILIDAD LABORAL REFORZADA DEL DISCAPACITADO-Protecci\u00f3n \u00a0 CONTRATO DE PRESTACION DE SERVICIOS CON COOPERATIVA-Subordinaci\u00f3n y pago de remuneraci\u00f3n\/CONTRATO REALIDAD-Prevalencia de lo sustancial sobre lo formal\/ENFERMEDAD PROFESIONAL DEL TRABAJADOR-Despido sin motivaci\u00f3n \u00a0 Como existi\u00f3 una prestaci\u00f3n de servicios por parte del accionante con la cooperativa lo cual lleva a una ...<br \/><div class=\"pt-cv-rmwrap\"><a href=\"https:\/\/www.dmsjuridica.com\/buscador_20179478954\/corteconstitucionalcronologico202454587\/t-632-04\/\" class=\"_self pt-cv-readmore btn btn-success\" target=\"_self\">Ver Sentencia Completa...<\/a><\/div><\/div><\/div><\/div>\n<div class=\"col-md-12 col-sm-12 col-xs-12 pt-cv-content-item pt-cv-1-col\" ><div class='pt-cv-ifield'><a href=\"https:\/\/www.dmsjuridica.com\/buscador_20179478954\/corteconstitucionalcronologico202454587\/t-630-04\/\" class=\"_self pt-cv-href-thumbnail pt-cv-thumb-default\" target=\"_self\" ><\/a>\n<div class=\"pt-cv-taxoterm above_title\"><a href='https:\/\/www.dmsjuridica.com\/buscador_20179478954\/corteconstitucionalcronologico202454587\/category\/buscar-en-toda-la-corte\/2004\/tutelas-2004\/' title='Tutelas 2004' class='pt-cv-tax-tutelas-2004'>Tutelas 2004<\/a><\/div>\n<h4 class=\"pt-cv-title\"><a href=\"https:\/\/www.dmsjuridica.com\/buscador_20179478954\/corteconstitucionalcronologico202454587\/t-630-04\/\" class=\"_self\" target=\"_self\" >T-630-04<\/a><\/h4>\n<div class=\"pt-cv-content\">\u00a0 \u00a0 Sentencia T-630\/04 \u00a0 DERECHO A LA SALUD-Conexidad con la vida \u00a0 DERECHO A LA VIDA-No se limita al peligro de muerte sino que se extiende a la recuperaci\u00f3n de la salud\/DERECHO A LA DIGNIDAD HUMANA-Parte integrante de la vida \u00a0 La protecci\u00f3n del derecho a la vida no se limita a la idea reducida del peligro de muerte, sino que se extiende a la posibilidad concreta de recuperaci\u00f3n y mejoramiento de las condiciones de salud del individuo, toda vez que el ser humano debe considerarse integralmente en su aspecto f\u00edsico y ps\u00edquico. As\u00ed, la acci\u00f3n de tutela deber\u00e1 ...<br \/><div class=\"pt-cv-rmwrap\"><a href=\"https:\/\/www.dmsjuridica.com\/buscador_20179478954\/corteconstitucionalcronologico202454587\/t-630-04\/\" class=\"_self pt-cv-readmore btn btn-success\" target=\"_self\">Ver Sentencia Completa...<\/a><\/div><\/div><\/div><\/div>\n<div class=\"col-md-12 col-sm-12 col-xs-12 pt-cv-content-item pt-cv-1-col\" ><div class='pt-cv-ifield'><a href=\"https:\/\/www.dmsjuridica.com\/buscador_20179478954\/corteconstitucionalcronologico202454587\/t-629-04\/\" class=\"_self pt-cv-href-thumbnail pt-cv-thumb-default\" target=\"_self\" ><\/a>\n<div class=\"pt-cv-taxoterm above_title\"><a href='https:\/\/www.dmsjuridica.com\/buscador_20179478954\/corteconstitucionalcronologico202454587\/category\/buscar-en-toda-la-corte\/2004\/tutelas-2004\/' title='Tutelas 2004' class='pt-cv-tax-tutelas-2004'>Tutelas 2004<\/a><\/div>\n<h4 class=\"pt-cv-title\"><a href=\"https:\/\/www.dmsjuridica.com\/buscador_20179478954\/corteconstitucionalcronologico202454587\/t-629-04\/\" class=\"_self\" target=\"_self\" >T-629-04<\/a><\/h4>\n<div class=\"pt-cv-content\">\u00a0 \u00a0 Sentencia T-629\/04 \u00a0 DERECHO DE PETICION-Pronta resoluci\u00f3n\/SEGURIDAD SOCIAL-No ha respondido solicitud de pago de pensi\u00f3n de jubilaci\u00f3n \u00a0 ACCION DE TUTELA-Remisi\u00f3n del expediente a la Corte Constitucional no interrumpe el tr\u00e1mite del incidente de desacato \u00a0 En el expediente obra una solicitud por parte del apoderado de la actora, para que se inicie el incidente de desacato contra el ISS. El juzgado se dirigi\u00f3 a la entidad con el fin de que informara si realmente acat\u00f3 la sentencia que ampar\u00f3 el derecho de petici\u00f3n de la demandada. Como la Corte Constitucional no es competente para intervenir, de ninguna ...<br \/><div class=\"pt-cv-rmwrap\"><a href=\"https:\/\/www.dmsjuridica.com\/buscador_20179478954\/corteconstitucionalcronologico202454587\/t-629-04\/\" class=\"_self pt-cv-readmore btn btn-success\" target=\"_self\">Ver Sentencia Completa...<\/a><\/div><\/div><\/div><\/div>\n<div class=\"col-md-12 col-sm-12 col-xs-12 pt-cv-content-item pt-cv-1-col\" ><div class='pt-cv-ifield'><a href=\"https:\/\/www.dmsjuridica.com\/buscador_20179478954\/corteconstitucionalcronologico202454587\/t-628-04\/\" class=\"_self pt-cv-href-thumbnail pt-cv-thumb-default\" target=\"_self\" ><\/a>\n<div class=\"pt-cv-taxoterm above_title\"><a href='https:\/\/www.dmsjuridica.com\/buscador_20179478954\/corteconstitucionalcronologico202454587\/category\/buscar-en-toda-la-corte\/2004\/tutelas-2004\/' title='Tutelas 2004' class='pt-cv-tax-tutelas-2004'>Tutelas 2004<\/a><\/div>\n<h4 class=\"pt-cv-title\"><a href=\"https:\/\/www.dmsjuridica.com\/buscador_20179478954\/corteconstitucionalcronologico202454587\/t-628-04\/\" class=\"_self\" target=\"_self\" >T-628-04<\/a><\/h4>\n<div class=\"pt-cv-content\">\u00a0 \u00a0 Sentencia T-628\/04 \u00a0 MEDIO DE DEFENSA JUDICIAL EFICAZ-Pago de retroactivo pensional\/ACCION DE TUTELA-Improcedencia pago de retroactivo pensional \u00a0 DERECHO AL MINIMO VITAL DEL PENSIONADO-No se vulnera por no pago de retroactivo pensional \u00a0 Referencia: expediente T-887184 \u00a0 Acci\u00f3n de tutela instaurada por Eduardo Felipe Sar\u00e1 Vizca\u00edno contra el Instituto de Seguros Sociales. \u00a0 Magistrado Ponente: \u00a0 Dr. ALFREDO BELTR\u00c1N SIERRA. \u00a0 Bogot\u00e1, D.C., primero (1\u00ba) de julio de dos mil cuatro (2004). \u00a0 La Sala Segunda de Revisi\u00f3n de la Corte Constitucional, en ejercicio de sus competencias constitucionales y legales, ha proferido la siguiente\u00a0 \u00a0 SENTENCIA \u00a0 en ...<br \/><div class=\"pt-cv-rmwrap\"><a href=\"https:\/\/www.dmsjuridica.com\/buscador_20179478954\/corteconstitucionalcronologico202454587\/t-628-04\/\" class=\"_self pt-cv-readmore btn btn-success\" target=\"_self\">Ver Sentencia Completa...<\/a><\/div><\/div><\/div><\/div>\n<div class=\"col-md-12 col-sm-12 col-xs-12 pt-cv-content-item pt-cv-1-col\" ><div class='pt-cv-ifield'><a href=\"https:\/\/www.dmsjuridica.com\/buscador_20179478954\/corteconstitucionalcronologico202454587\/t-627-04\/\" class=\"_self pt-cv-href-thumbnail pt-cv-thumb-default\" target=\"_self\" ><\/a>\n<div class=\"pt-cv-taxoterm above_title\"><a href='https:\/\/www.dmsjuridica.com\/buscador_20179478954\/corteconstitucionalcronologico202454587\/category\/buscar-en-toda-la-corte\/2004\/tutelas-2004\/' title='Tutelas 2004' class='pt-cv-tax-tutelas-2004'>Tutelas 2004<\/a><\/div>\n<h4 class=\"pt-cv-title\"><a href=\"https:\/\/www.dmsjuridica.com\/buscador_20179478954\/corteconstitucionalcronologico202454587\/t-627-04\/\" class=\"_self\" target=\"_self\" >T-627-04<\/a><\/h4>\n<div class=\"pt-cv-content\">\u00a0 \u00a0 Sentencia T-627\/04 \u00a0 PROCESO DE LIQUIDACION OBLIGATORIA-Pago de salarios si se afecta el m\u00ednimo vital \u00a0 ACCION DE TUTELA-Subsidiariedad \u00a0 DERECHO AL MINIMO VITAL-Prueba de la amenaza \u00a0 EMPRESA EN LIQUIDACION-Pago de salarios cuando se demuestre vulneraci\u00f3n del m\u00ednimo vital\/EMPRESA EN LIQUIDACION-No se demostr\u00f3 vulneraci\u00f3n del m\u00ednimo vital de los actores \u00a0 ACCION DE TUTELA-Peligro actual e inminente del derecho\/ACCION DE TUTELA-Inmediatez \u00a0 Esta Corporaci\u00f3n ha establecido en muchas oportunidades que la acci\u00f3n de tutela requiere, adem\u00e1s, que el derecho que se encuentra amenazado constituya un peligro actual e inminente, entendi\u00e9ndose como actualidad lo que est\u00e1 ocurriendo en ...<br \/><div class=\"pt-cv-rmwrap\"><a href=\"https:\/\/www.dmsjuridica.com\/buscador_20179478954\/corteconstitucionalcronologico202454587\/t-627-04\/\" class=\"_self pt-cv-readmore btn btn-success\" target=\"_self\">Ver Sentencia Completa...<\/a><\/div><\/div><\/div><\/div>\n<div class=\"col-md-12 col-sm-12 col-xs-12 pt-cv-content-item pt-cv-1-col\" ><div class='pt-cv-ifield'><a href=\"https:\/\/www.dmsjuridica.com\/buscador_20179478954\/corteconstitucionalcronologico202454587\/t-626-04\/\" class=\"_self pt-cv-href-thumbnail pt-cv-thumb-default\" target=\"_self\" ><\/a>\n<div class=\"pt-cv-taxoterm above_title\"><a href='https:\/\/www.dmsjuridica.com\/buscador_20179478954\/corteconstitucionalcronologico202454587\/category\/buscar-en-toda-la-corte\/2004\/tutelas-2004\/' title='Tutelas 2004' class='pt-cv-tax-tutelas-2004'>Tutelas 2004<\/a><\/div>\n<h4 class=\"pt-cv-title\"><a href=\"https:\/\/www.dmsjuridica.com\/buscador_20179478954\/corteconstitucionalcronologico202454587\/t-626-04\/\" class=\"_self\" target=\"_self\" >T-626-04<\/a><\/h4>\n<div class=\"pt-cv-content\">\u00a0 \u00a0 Sentencia T-626\/04 \u00a0 ACCION DE TUTELA-Procedencia excepcional pago de acreencias laborales\/DERECHO AL MINIMO VITAL DEL TRABAJADOR-Pago oportuno de salarios\/DERECHO A LA VIDA DIGNA DEL TRABAJADOR-Pago oportuno de salarios \u00a0 DERECHO AL MINIMO VITAL DEL TRABAJADOR-Pago de salarios atrasados \u00a0 Acci\u00f3n de tutela instaurada por la se\u00f1ora Diana Domitila S\u00e1nchez Monta\u00f1o contra \u00a0la Alcald\u00eda de Guapi- Cauca. \u00a0 Procedencia: Juzgado Promiscuo del Circuito de Guapi - Cauca.\u00a0 \u00a0 Magistrado Ponente:\u00a0 \u00a0 Dr. ALFREDO BELTR\u00c1N SIERRA \u00a0 Bogot\u00e1, D.C., primero (1) de julio de dos mil cuatro (2004). \u00a0 La Sala Segunda (2a.) de Revisi\u00f3n de la Corte Constitucional, integrada ...<br \/><div class=\"pt-cv-rmwrap\"><a href=\"https:\/\/www.dmsjuridica.com\/buscador_20179478954\/corteconstitucionalcronologico202454587\/t-626-04\/\" class=\"_self pt-cv-readmore btn btn-success\" target=\"_self\">Ver Sentencia Completa...<\/a><\/div><\/div><\/div><\/div>\n<div class=\"col-md-12 col-sm-12 col-xs-12 pt-cv-content-item pt-cv-1-col\" ><div class='pt-cv-ifield'><a href=\"https:\/\/www.dmsjuridica.com\/buscador_20179478954\/corteconstitucionalcronologico202454587\/t-625-04\/\" class=\"_self pt-cv-href-thumbnail pt-cv-thumb-default\" target=\"_self\" ><\/a>\n<div class=\"pt-cv-taxoterm above_title\"><a href='https:\/\/www.dmsjuridica.com\/buscador_20179478954\/corteconstitucionalcronologico202454587\/category\/buscar-en-toda-la-corte\/2004\/tutelas-2004\/' title='Tutelas 2004' class='pt-cv-tax-tutelas-2004'>Tutelas 2004<\/a><\/div>\n<h4 class=\"pt-cv-title\"><a href=\"https:\/\/www.dmsjuridica.com\/buscador_20179478954\/corteconstitucionalcronologico202454587\/t-625-04\/\" class=\"_self\" target=\"_self\" >T-625-04<\/a><\/h4>\n<div class=\"pt-cv-content\">\u00a0 \u00a0 Sentencia T-625\/04 \u00a0 ACCION DE TUTELA-Subsidiariedad \u00a0 REGIMEN DE TRANSICION EN PENSIONES-Desconocimiento por parte del Seguro Social \u00a0 La entidad demandada admite que el actor, se encuentra cobijado por el r\u00e9gimen de transici\u00f3n, pero no le reconoce el acceso a la pensi\u00f3n de jubilaci\u00f3n por no contar con sesenta a\u00f1os de edad, seg\u00fan lo dispone la Ley 71 de 1988. Es decir, acepta que tiene derecho a un r\u00e9gimen m\u00e1s beneficioso, por una parte, pero acudiendo a una interpretaci\u00f3n del art\u00edculo 36 de la Ley 100 de 1993, que desconoce por completo el principio de favorabilidad, aduce que ...<br \/><div class=\"pt-cv-rmwrap\"><a href=\"https:\/\/www.dmsjuridica.com\/buscador_20179478954\/corteconstitucionalcronologico202454587\/t-625-04\/\" class=\"_self pt-cv-readmore btn btn-success\" target=\"_self\">Ver Sentencia Completa...<\/a><\/div><\/div><\/div><\/div>\n<div class=\"col-md-12 col-sm-12 col-xs-12 pt-cv-content-item pt-cv-1-col\" ><div class='pt-cv-ifield'><a href=\"https:\/\/www.dmsjuridica.com\/buscador_20179478954\/corteconstitucionalcronologico202454587\/t-624-04\/\" class=\"_self pt-cv-href-thumbnail pt-cv-thumb-default\" target=\"_self\" ><\/a>\n<div class=\"pt-cv-taxoterm above_title\"><a href='https:\/\/www.dmsjuridica.com\/buscador_20179478954\/corteconstitucionalcronologico202454587\/category\/buscar-en-toda-la-corte\/2004\/tutelas-2004\/' title='Tutelas 2004' class='pt-cv-tax-tutelas-2004'>Tutelas 2004<\/a><\/div>\n<h4 class=\"pt-cv-title\"><a href=\"https:\/\/www.dmsjuridica.com\/buscador_20179478954\/corteconstitucionalcronologico202454587\/t-624-04\/\" class=\"_self\" target=\"_self\" >T-624-04<\/a><\/h4>\n<div class=\"pt-cv-content\">\u00a0 \u00a0 Sentencia T-624\/04 \u00a0 DERECHO A LA SALUD DE PERSONA DE LA TERCERA EDAD-Orden de autorizar afiliaci\u00f3n inmediata al SISBEN para que se de atenci\u00f3n m\u00e9dica \u00a0 Teniendo en cuenta, adem\u00e1s que el sistema de selecci\u00f3n de beneficiarios Sisben presenta m\u00faltiples deficiencias que en ocasiones hacen imposible el acceso al mismo la Sala ordenar\u00e1 a la Secretar\u00eda de Salud Municipal de Cali a trav\u00e9s de su representante legal o quien haga sus veces, que en el t\u00e9rmino de cuarenta y ocho (48 ) horas siguientes a la notificaci\u00f3n de esta sentencia, si no lo hubiere hecho autorice la afiliaci\u00f3n ...<br \/><div class=\"pt-cv-rmwrap\"><a href=\"https:\/\/www.dmsjuridica.com\/buscador_20179478954\/corteconstitucionalcronologico202454587\/t-624-04\/\" class=\"_self pt-cv-readmore btn btn-success\" target=\"_self\">Ver Sentencia Completa...<\/a><\/div><\/div><\/div><\/div>\n<div class=\"col-md-12 col-sm-12 col-xs-12 pt-cv-content-item pt-cv-1-col\" ><div class='pt-cv-ifield'><a href=\"https:\/\/www.dmsjuridica.com\/buscador_20179478954\/corteconstitucionalcronologico202454587\/t-617-04\/\" class=\"_self pt-cv-href-thumbnail pt-cv-thumb-default\" target=\"_self\" ><\/a>\n<div class=\"pt-cv-taxoterm above_title\"><a href='https:\/\/www.dmsjuridica.com\/buscador_20179478954\/corteconstitucionalcronologico202454587\/category\/buscar-en-toda-la-corte\/2004\/tutelas-2004\/' title='Tutelas 2004' class='pt-cv-tax-tutelas-2004'>Tutelas 2004<\/a><\/div>\n<h4 class=\"pt-cv-title\"><a href=\"https:\/\/www.dmsjuridica.com\/buscador_20179478954\/corteconstitucionalcronologico202454587\/t-617-04\/\" class=\"_self\" target=\"_self\" >T-617-04<\/a><\/h4>\n<div class=\"pt-cv-content\">\u00a0 \u00a0 Sentencia T-617\/04 \u00a0 SISTEMA GENERAL DE SEGURIDAD SOCIAL EN SALUD-Participantes afiliados y vinculados \u00a0 SISTEMA GENERAL DE SEGURIDAD SOCIAL EN SALUD-Afiliados y beneficiarios est\u00e1n sujetos a pagos moderadores\/SISTEMA GENERAL DE SEGURIDAD SOCIAL EN SALUD-Excepci\u00f3n al cumplimiento de pagos moderadores \u00a0 Los afiliados y beneficiarios del sistema general de seguridad social en salud estar\u00e1n sujetos a pagos moderadores, es decir, pagos compartidos, cuotas moderadoras y deducibles (copagos). Estos pagos, para los afiliados cotizantes, se aplican con el exclusivo objetivo de racionalizar el uso de servicios del sistema y, para los dem\u00e1s beneficiarios, se aplican para complementar la financiaci\u00f3n del ...<br \/><div class=\"pt-cv-rmwrap\"><a href=\"https:\/\/www.dmsjuridica.com\/buscador_20179478954\/corteconstitucionalcronologico202454587\/t-617-04\/\" class=\"_self pt-cv-readmore btn btn-success\" target=\"_self\">Ver Sentencia Completa...<\/a><\/div><\/div><\/div><\/div>\n<div class=\"col-md-12 col-sm-12 col-xs-12 pt-cv-content-item pt-cv-1-col\" ><div class='pt-cv-ifield'><a href=\"https:\/\/www.dmsjuridica.com\/buscador_20179478954\/corteconstitucionalcronologico202454587\/t-616-04\/\" class=\"_self pt-cv-href-thumbnail pt-cv-thumb-default\" target=\"_self\" ><\/a>\n<div class=\"pt-cv-taxoterm above_title\"><a href='https:\/\/www.dmsjuridica.com\/buscador_20179478954\/corteconstitucionalcronologico202454587\/category\/buscar-en-toda-la-corte\/2004\/tutelas-2004\/' title='Tutelas 2004' class='pt-cv-tax-tutelas-2004'>Tutelas 2004<\/a><\/div>\n<h4 class=\"pt-cv-title\"><a href=\"https:\/\/www.dmsjuridica.com\/buscador_20179478954\/corteconstitucionalcronologico202454587\/t-616-04\/\" class=\"_self\" target=\"_self\" >T-616-04<\/a><\/h4>\n<div class=\"pt-cv-content\">\u00a0 \u00a0 Sentencia T-616\/04 \u00a0 ACCION DE TUTELA-Subsidiariedad \u00a0 ACCION DE TUTELA-Improcedencia reembolso de dineros por asunci\u00f3n de costos m\u00e9dicos\/MEDIO DE DEFENSA JUDICIAL-Reembolso de dineros por asunci\u00f3n de costos m\u00e9dicos \u00a0 DERECHO A LA SALUD-Fundamental por conexidad \u00a0 INAPLICACION DE NORMAS DEL PLAN OBLIGATORIO DE SALUD-Casos en que procede por exclusi\u00f3n de tratamientos y medicamentos de alto costo \u00a0 JUEZ CONSTITUCIONAL-Debe acudir a la opini\u00f3n del m\u00e9dico tratante para establecer lo que requiere el paciente \u00a0 El criterio al cual se debe remitir el juez de tutela en estos casos es la opini\u00f3n del m\u00e9dico tratante, en cuanto se trata ...<br \/><div class=\"pt-cv-rmwrap\"><a href=\"https:\/\/www.dmsjuridica.com\/buscador_20179478954\/corteconstitucionalcronologico202454587\/t-616-04\/\" class=\"_self pt-cv-readmore btn btn-success\" target=\"_self\">Ver Sentencia Completa...<\/a><\/div><\/div><\/div><\/div>\n<div class=\"col-md-12 col-sm-12 col-xs-12 pt-cv-content-item pt-cv-1-col\" ><div class='pt-cv-ifield'><a href=\"https:\/\/www.dmsjuridica.com\/buscador_20179478954\/corteconstitucionalcronologico202454587\/t-615-04\/\" class=\"_self pt-cv-href-thumbnail pt-cv-thumb-default\" target=\"_self\" ><\/a>\n<div class=\"pt-cv-taxoterm above_title\"><a href='https:\/\/www.dmsjuridica.com\/buscador_20179478954\/corteconstitucionalcronologico202454587\/category\/buscar-en-toda-la-corte\/2004\/tutelas-2004\/' title='Tutelas 2004' class='pt-cv-tax-tutelas-2004'>Tutelas 2004<\/a><\/div>\n<h4 class=\"pt-cv-title\"><a href=\"https:\/\/www.dmsjuridica.com\/buscador_20179478954\/corteconstitucionalcronologico202454587\/t-615-04\/\" class=\"_self\" target=\"_self\" >T-615-04<\/a><\/h4>\n<div class=\"pt-cv-content\">\u00a0 \u00a0 Sentencia T-615\/04 \u00a0 LICENCIA DE MATERNIDAD-Objeto \u00a0 LICENCIA DE MATERNIDAD-Fundamental por conexidad \u00a0 ENTIDAD PROMOTORA DE SALUD-No puede negar el pago de la licencia de maternidad excus\u00e1ndose en que los pagos fueron extempor\u00e1neos \u00a0 LICENCIA DE MATERNIDAD-Pago por allanamiento a la mora por EPS \u00a0 MEDIO DE DEFENSA JUDICIAL INEFICAZ-Protecci\u00f3n de la madre y su hijo reci\u00e9n nacido \u00a0 LICENCIA DE MATERNIDAD-Pago por tutela cuando afecta el m\u00ednimo vital de la madre y su hijo \u00a0 ENTIDAD PROMOTORA DE SALUD-Pago licencia de maternidad \u00a0 Referencia: expediente T-857913 \u00a0 Acci\u00f3n de tutela instaurada por Azucena G\u00f3mez Urbano contra Coomeva ...<br \/><div class=\"pt-cv-rmwrap\"><a href=\"https:\/\/www.dmsjuridica.com\/buscador_20179478954\/corteconstitucionalcronologico202454587\/t-615-04\/\" class=\"_self pt-cv-readmore btn btn-success\" target=\"_self\">Ver Sentencia Completa...<\/a><\/div><\/div><\/div><\/div>\n<div class=\"col-md-12 col-sm-12 col-xs-12 pt-cv-content-item pt-cv-1-col\" ><div class='pt-cv-ifield'><a href=\"https:\/\/www.dmsjuridica.com\/buscador_20179478954\/corteconstitucionalcronologico202454587\/t-614-04\/\" class=\"_self pt-cv-href-thumbnail pt-cv-thumb-default\" target=\"_self\" ><\/a>\n<div class=\"pt-cv-taxoterm above_title\"><a href='https:\/\/www.dmsjuridica.com\/buscador_20179478954\/corteconstitucionalcronologico202454587\/category\/buscar-en-toda-la-corte\/2004\/tutelas-2004\/' title='Tutelas 2004' class='pt-cv-tax-tutelas-2004'>Tutelas 2004<\/a><\/div>\n<h4 class=\"pt-cv-title\"><a href=\"https:\/\/www.dmsjuridica.com\/buscador_20179478954\/corteconstitucionalcronologico202454587\/t-614-04\/\" class=\"_self\" target=\"_self\" >T-614-04<\/a><\/h4>\n<div class=\"pt-cv-content\">\u00a0 \u00a0 Sentencia T-614\/04 \u00a0 ACCION DE TUTELA-Hecho superado por reconocimiento y pago de pensi\u00f3n de jubilaci\u00f3n \u00a0 Referencia: expediente T-782800 \u00a0 Acci\u00f3n de tutela instaurada por Judith Esther P\u00e9rez Garc\u00eda contra la Gobernaci\u00f3n de C\u00f3rdoba y el Instituto de Seguros Sociales \u2013 Seccional C\u00f3rdoba \u00a0 Magistrado Ponente: \u00a0 Dr. JAIME C\u00d3RDOBA TRIVI\u00d1O \u00a0 Bogot\u00e1, D. C., veinticinco (25) de junio de dos mil cuatro (2004).\u00a0 \u00a0 La Sala Cuarta de Revisi\u00f3n de la Corte Constitucional, integrada por los magistrados Jaime C\u00f3rdoba Trivi\u00f1o, Rodrigo Escobar Gil y Marco Gerardo Monroy Cabra, en ejercicio de sus competencias constitucionales y legales, profiere ...<br \/><div class=\"pt-cv-rmwrap\"><a href=\"https:\/\/www.dmsjuridica.com\/buscador_20179478954\/corteconstitucionalcronologico202454587\/t-614-04\/\" class=\"_self pt-cv-readmore btn btn-success\" target=\"_self\">Ver Sentencia Completa...<\/a><\/div><\/div><\/div><\/div>\n<div class=\"col-md-12 col-sm-12 col-xs-12 pt-cv-content-item pt-cv-1-col\" ><div class='pt-cv-ifield'><a href=\"https:\/\/www.dmsjuridica.com\/buscador_20179478954\/corteconstitucionalcronologico202454587\/t-613-04\/\" class=\"_self pt-cv-href-thumbnail pt-cv-thumb-default\" target=\"_self\" ><\/a>\n<div class=\"pt-cv-taxoterm above_title\"><a href='https:\/\/www.dmsjuridica.com\/buscador_20179478954\/corteconstitucionalcronologico202454587\/category\/buscar-en-toda-la-corte\/2004\/tutelas-2004\/' title='Tutelas 2004' class='pt-cv-tax-tutelas-2004'>Tutelas 2004<\/a><\/div>\n<h4 class=\"pt-cv-title\"><a href=\"https:\/\/www.dmsjuridica.com\/buscador_20179478954\/corteconstitucionalcronologico202454587\/t-613-04\/\" class=\"_self\" target=\"_self\" >T-613-04<\/a><\/h4>\n<div class=\"pt-cv-content\">\u00a0 \u00a0 Sentencia T-613\/04 \u00a0 DERECHO DE PETICION-Requisitos de la respuesta \u00a0 DERECHO DE PETICION EN MATERIA PENSIONAL-T\u00e9rminos para resolver \u00a0 DERECHO DE PETICION-Cajanal no respondi\u00f3 dentro del t\u00e9rmino legal sobre reliquidaci\u00f3n de pensi\u00f3n \u00a0 Referencia: expediente T-861359 \u00a0 Acci\u00f3n de tutela instaurada por Sergio Aldana Murayari contra Cajanal.\u00a0 \u00a0 Magistrado Ponente: \u00a0 Dr. JAIME C\u00d3RDOBA TRIVI\u00d1O \u00a0 Bogot\u00e1, D. C., veinticinco (25) de junio de dos mil cuatro (2004). \u00a0 La Sala Cuarta de Revisi\u00f3n de la Corte Constitucional, en ejercicio de sus competencias constitucionales y legales, espec\u00edficamente las previstas en los art\u00edculos 86 y 241 numeral 9 de ...<br \/><div class=\"pt-cv-rmwrap\"><a href=\"https:\/\/www.dmsjuridica.com\/buscador_20179478954\/corteconstitucionalcronologico202454587\/t-613-04\/\" class=\"_self pt-cv-readmore btn btn-success\" target=\"_self\">Ver Sentencia Completa...<\/a><\/div><\/div><\/div><\/div>\n<div class=\"col-md-12 col-sm-12 col-xs-12 pt-cv-content-item pt-cv-1-col\" ><div class='pt-cv-ifield'><a href=\"https:\/\/www.dmsjuridica.com\/buscador_20179478954\/corteconstitucionalcronologico202454587\/t-612-04\/\" class=\"_self pt-cv-href-thumbnail pt-cv-thumb-default\" target=\"_self\" ><\/a>\n<div class=\"pt-cv-taxoterm above_title\"><a href='https:\/\/www.dmsjuridica.com\/buscador_20179478954\/corteconstitucionalcronologico202454587\/category\/buscar-en-toda-la-corte\/2004\/tutelas-2004\/' title='Tutelas 2004' class='pt-cv-tax-tutelas-2004'>Tutelas 2004<\/a><\/div>\n<h4 class=\"pt-cv-title\"><a href=\"https:\/\/www.dmsjuridica.com\/buscador_20179478954\/corteconstitucionalcronologico202454587\/t-612-04\/\" class=\"_self\" target=\"_self\" >T-612-04<\/a><\/h4>\n<div class=\"pt-cv-content\">ACCION DE TUTELA-Improcedencia por falta de pruebas sobre la existencia de una resoluci\u00f3n y de recursos contra ella \u00a0 Esta acci\u00f3n de tutela es improcedente porque, aparte de lo afirmado por el actor, en el sentido de que present\u00f3 un recurso de apelaci\u00f3n contra una resoluci\u00f3n del ISS y que han transcurrido m\u00e1s de dos meses sin obtener respuesta, no existe en el expediente ning\u00fan documento que pruebe, as\u00ed sea sumariamente, esta afirmaci\u00f3n. Es decir, el actor no acompa\u00f1\u00f3 ninguna prueba encaminada a demostrar que existe una resoluci\u00f3n y que contra ella present\u00f3 oportunamente los recursos de ley y que, ...<br \/><div class=\"pt-cv-rmwrap\"><a href=\"https:\/\/www.dmsjuridica.com\/buscador_20179478954\/corteconstitucionalcronologico202454587\/t-612-04\/\" class=\"_self pt-cv-readmore btn btn-success\" target=\"_self\">Ver Sentencia Completa...<\/a><\/div><\/div><\/div><\/div>\n<div class=\"col-md-12 col-sm-12 col-xs-12 pt-cv-content-item pt-cv-1-col\" ><div class='pt-cv-ifield'><a href=\"https:\/\/www.dmsjuridica.com\/buscador_20179478954\/corteconstitucionalcronologico202454587\/t-611-04\/\" class=\"_self pt-cv-href-thumbnail pt-cv-thumb-default\" target=\"_self\" ><\/a>\n<div class=\"pt-cv-taxoterm above_title\"><a href='https:\/\/www.dmsjuridica.com\/buscador_20179478954\/corteconstitucionalcronologico202454587\/category\/buscar-en-toda-la-corte\/2004\/tutelas-2004\/' title='Tutelas 2004' class='pt-cv-tax-tutelas-2004'>Tutelas 2004<\/a><\/div>\n<h4 class=\"pt-cv-title\"><a href=\"https:\/\/www.dmsjuridica.com\/buscador_20179478954\/corteconstitucionalcronologico202454587\/t-611-04\/\" class=\"_self\" target=\"_self\" >T-611-04<\/a><\/h4>\n<div class=\"pt-cv-content\">\u00a0 \u00a0 Sentencia T-611\/04 \u00a0 DERECHO A LA PERSONALIDAD JURIDICA-Filiaci\u00f3n \u00a0 DERECHO A LA FILIACION-T\u00e9rmino razonable para practicar pruebas gen\u00e9ticas\/INSTITUTO COLOMBIANO DE BIENESTAR FAMILIAR-Informaci\u00f3n a familiares sobre fecha en que se practicar\u00e1 prueba gen\u00e9tica \u00a0 Referencia: expediente T-863632 \u00a0 Acci\u00f3n de tutela instaurada por el Personero Municipal de La Plata, Huila, en nombre del menor Jes\u00fas Alfredo Pe\u00f1a, contra el Instituto Colombiano de Bienestar Familiar, Regional Huila. \u00a0 Magistrado Ponente: \u00a0 Dr. ALFREDO BELTR\u00c1N SIERRA. \u00a0 Bogot\u00e1, D.C., veinticuatro (24) de junio de dos mil cuatro (2004). \u00a0 La Sala Segunda de Revisi\u00f3n de la Corte Constitucional, en ejercicio de ...<br \/><div class=\"pt-cv-rmwrap\"><a href=\"https:\/\/www.dmsjuridica.com\/buscador_20179478954\/corteconstitucionalcronologico202454587\/t-611-04\/\" class=\"_self pt-cv-readmore btn btn-success\" target=\"_self\">Ver Sentencia Completa...<\/a><\/div><\/div><\/div><\/div>\n<div class=\"col-md-12 col-sm-12 col-xs-12 pt-cv-content-item pt-cv-1-col\" ><div class='pt-cv-ifield'><a href=\"https:\/\/www.dmsjuridica.com\/buscador_20179478954\/corteconstitucionalcronologico202454587\/t-610-04\/\" class=\"_self pt-cv-href-thumbnail pt-cv-thumb-default\" target=\"_self\" ><\/a>\n<div class=\"pt-cv-taxoterm above_title\"><a href='https:\/\/www.dmsjuridica.com\/buscador_20179478954\/corteconstitucionalcronologico202454587\/category\/buscar-en-toda-la-corte\/2004\/tutelas-2004\/' title='Tutelas 2004' class='pt-cv-tax-tutelas-2004'>Tutelas 2004<\/a><\/div>\n<h4 class=\"pt-cv-title\"><a href=\"https:\/\/www.dmsjuridica.com\/buscador_20179478954\/corteconstitucionalcronologico202454587\/t-610-04\/\" class=\"_self\" target=\"_self\" >T-610-04<\/a><\/h4>\n<div class=\"pt-cv-content\">\u00a0 \u00a0 Sentencia T-610\/04 \u00a0 DERECHO A LA SALUD-Fundamental por conexidad \u00a0 DERECHO A LA SALUD-Mejoramiento calidad de vida \u00a0 ADMINISTRADORA DEL REGIMEN SUBSIDIADO-Obligaciones frente a servicios no incluidos en POS \u00a0 DERECHO A LA VIDA EN CONDICIONES DIGNAS Y JUSTAS-Conexidad\/ADMINISTRADORA DEL REGIMEN SUBSIDIADO-Niega examen de urodinamia por encontrarse fuera del POS \u00a0 ADMINISTRADORA DEL REGIMEN SUBSIDIADO-Atenci\u00f3n preferente y especial a sus afiliados \u00a0 ADMINISTRADORA DEL REGIMEN SUBSIDIADO-Autorizaci\u00f3n examen de urodinamia excluido del POS y repetici\u00f3n contra el FOSYGA \u00a0 \u00a0 Referencia: expediente T-858033 \u00a0 Acci\u00f3n de tutela instaurada por Janeth Mancipe Tabarez contra Cafesalud ARS de Ibagu\u00e9 y la ...<br \/><div class=\"pt-cv-rmwrap\"><a href=\"https:\/\/www.dmsjuridica.com\/buscador_20179478954\/corteconstitucionalcronologico202454587\/t-610-04\/\" class=\"_self pt-cv-readmore btn btn-success\" target=\"_self\">Ver Sentencia Completa...<\/a><\/div><\/div><\/div><\/div>\n<div class=\"col-md-12 col-sm-12 col-xs-12 pt-cv-content-item pt-cv-1-col\" ><div class='pt-cv-ifield'><a href=\"https:\/\/www.dmsjuridica.com\/buscador_20179478954\/corteconstitucionalcronologico202454587\/t-609-04\/\" class=\"_self pt-cv-href-thumbnail pt-cv-thumb-default\" target=\"_self\" ><\/a>\n<div class=\"pt-cv-taxoterm above_title\"><a href='https:\/\/www.dmsjuridica.com\/buscador_20179478954\/corteconstitucionalcronologico202454587\/category\/buscar-en-toda-la-corte\/2004\/tutelas-2004\/' title='Tutelas 2004' class='pt-cv-tax-tutelas-2004'>Tutelas 2004<\/a><\/div>\n<h4 class=\"pt-cv-title\"><a href=\"https:\/\/www.dmsjuridica.com\/buscador_20179478954\/corteconstitucionalcronologico202454587\/t-609-04\/\" class=\"_self\" target=\"_self\" >T-609-04<\/a><\/h4>\n<div class=\"pt-cv-content\">\u00a0 \u00a0 Sentencia T-609\/04 \u00a0 DERECHO A LA FILIACION-Elemento integrador del estado civil de las personas\/DERECHO A LA PERSONALIDAD JURIDICA-Filiaci\u00f3n \u00a0 El derecho a la filiaci\u00f3n, entendido como el derecho a tener certeza y reconocimiento legal sobre la l\u00ednea de parentesco que une a los padres con sus hijos, la cual puede ser matrimonial, extramatrimonial o adoptiva, del cual se derivan derechos y obligaciones entre las partes, es un elemento que integra el estado civil de las personas y que se relaciona directamente con el derecho a su nombre, los cuales a su turno, constituyen atributos propios de la personalidad ...<br \/><div class=\"pt-cv-rmwrap\"><a href=\"https:\/\/www.dmsjuridica.com\/buscador_20179478954\/corteconstitucionalcronologico202454587\/t-609-04\/\" class=\"_self pt-cv-readmore btn btn-success\" target=\"_self\">Ver Sentencia Completa...<\/a><\/div><\/div><\/div><\/div>\n<div class=\"col-md-12 col-sm-12 col-xs-12 pt-cv-content-item pt-cv-1-col\" ><div class='pt-cv-ifield'><a href=\"https:\/\/www.dmsjuridica.com\/buscador_20179478954\/corteconstitucionalcronologico202454587\/t-608-04\/\" class=\"_self pt-cv-href-thumbnail pt-cv-thumb-default\" target=\"_self\" ><\/a>\n<div class=\"pt-cv-taxoterm above_title\"><a href='https:\/\/www.dmsjuridica.com\/buscador_20179478954\/corteconstitucionalcronologico202454587\/category\/buscar-en-toda-la-corte\/2004\/tutelas-2004\/' title='Tutelas 2004' class='pt-cv-tax-tutelas-2004'>Tutelas 2004<\/a><\/div>\n<h4 class=\"pt-cv-title\"><a href=\"https:\/\/www.dmsjuridica.com\/buscador_20179478954\/corteconstitucionalcronologico202454587\/t-608-04\/\" class=\"_self\" target=\"_self\" >T-608-04<\/a><\/h4>\n<div class=\"pt-cv-content\">ACTO PROPIO-Respeto \u00a0 ACTO PROPIO-Condiciones para su aplicaci\u00f3n \u00a0 ENTIDAD BANCARIA-Abuso de posici\u00f3n dominante\/DERECHOS FUNDAMENTALES DEL USUARIO BANCARIO-Vulneraci\u00f3n por abuso de posici\u00f3n dominante de entidad financiera \u00a0 ENTIDAD FINANCIERA-No puede modificar unilateralmente su posici\u00f3n jur\u00eddica \u00a0 ENTIDAD BANCARIA-Documentos remitidos se presumen veraces \u00a0 ENTIDAD BANCARIA-Asunci\u00f3n de nueva posici\u00f3n jur\u00eddica contrariando la anterior\/ENTIDAD BANCARIA-Asunci\u00f3n de nueva posici\u00f3n jur\u00eddica genera carga econ\u00f3mica que se cre\u00eda inexistente\/ENTIDAD BANCARIA-Reversi\u00f3n de alivio financiero gener\u00f3 reactivaci\u00f3n de cr\u00e9dito hipotecario cancelado \u00a0 HABEAS DATA-Orden a FOGAFIN de actualizar la informaci\u00f3n remitida a los bancos de datos respecto a que la demandante nunca estuvo en mora \u00a0 Reiteraci\u00f3n ...<br \/><div class=\"pt-cv-rmwrap\"><a href=\"https:\/\/www.dmsjuridica.com\/buscador_20179478954\/corteconstitucionalcronologico202454587\/t-608-04\/\" class=\"_self pt-cv-readmore btn btn-success\" target=\"_self\">Ver Sentencia Completa...<\/a><\/div><\/div><\/div><\/div>\n<div class=\"col-md-12 col-sm-12 col-xs-12 pt-cv-content-item pt-cv-1-col\" ><div class='pt-cv-ifield'><a href=\"https:\/\/www.dmsjuridica.com\/buscador_20179478954\/corteconstitucionalcronologico202454587\/t-607-04\/\" class=\"_self pt-cv-href-thumbnail pt-cv-thumb-default\" target=\"_self\" ><\/a>\n<div class=\"pt-cv-taxoterm above_title\"><a href='https:\/\/www.dmsjuridica.com\/buscador_20179478954\/corteconstitucionalcronologico202454587\/category\/buscar-en-toda-la-corte\/2004\/tutelas-2004\/' title='Tutelas 2004' class='pt-cv-tax-tutelas-2004'>Tutelas 2004<\/a><\/div>\n<h4 class=\"pt-cv-title\"><a href=\"https:\/\/www.dmsjuridica.com\/buscador_20179478954\/corteconstitucionalcronologico202454587\/t-607-04\/\" class=\"_self\" target=\"_self\" >T-607-04<\/a><\/h4>\n<div class=\"pt-cv-content\">\u00a0 \u00a0 Sentencia T-607\/04 \u00a0 DERECHO A LA SALUD-Fundamental por conexidad \u00a0 DIRECCION DEPARTAMENTAL DE SALUD-Atenci\u00f3n a poblaci\u00f3n vinculada en niveles 1, 2 y 3 de pobreza\/SECRETARIA DEPARTAMENTAL DE SALUD-Suministro de medicamento excluido del POS \u00a0 Reiteraci\u00f3n de Jurisprudencia \u00a0 Referencia: expediente T-827353 \u00a0 Acci\u00f3n de tutela instaurada por Libia Mar\u00eda Alc\u00e1ntara Sarmiento contra la Alcald\u00eda de Villavicencio. \u00a0 Magistrada Ponente: \u00a0 Dra. CLARA IN\u00c9S VARGAS HERN\u00c1NDEZ \u00a0 Bogot\u00e1, D.C., diecisiete (17) de junio de dos mil cuatro (2004). \u00a0 SENTENCIA \u00a0 dentro del proceso de revisi\u00f3n del fallo dictado por el Juzgado Quinto Civil Municipal de Villavicencio, en el ...<br \/><div class=\"pt-cv-rmwrap\"><a href=\"https:\/\/www.dmsjuridica.com\/buscador_20179478954\/corteconstitucionalcronologico202454587\/t-607-04\/\" class=\"_self pt-cv-readmore btn btn-success\" target=\"_self\">Ver Sentencia Completa...<\/a><\/div><\/div><\/div><\/div>\n<div class=\"col-md-12 col-sm-12 col-xs-12 pt-cv-content-item pt-cv-1-col\" ><div class='pt-cv-ifield'><a href=\"https:\/\/www.dmsjuridica.com\/buscador_20179478954\/corteconstitucionalcronologico202454587\/t-606-04\/\" class=\"_self pt-cv-href-thumbnail pt-cv-thumb-default\" target=\"_self\" ><\/a>\n<div class=\"pt-cv-taxoterm above_title\"><a href='https:\/\/www.dmsjuridica.com\/buscador_20179478954\/corteconstitucionalcronologico202454587\/category\/buscar-en-toda-la-corte\/2004\/tutelas-2004\/' title='Tutelas 2004' class='pt-cv-tax-tutelas-2004'>Tutelas 2004<\/a><\/div>\n<h4 class=\"pt-cv-title\"><a href=\"https:\/\/www.dmsjuridica.com\/buscador_20179478954\/corteconstitucionalcronologico202454587\/t-606-04\/\" class=\"_self\" target=\"_self\" >T-606-04<\/a><\/h4>\n<div class=\"pt-cv-content\">\u00a0 \u00a0 Sentencia T-606\/04 \u00a0 ACCION DE TUTELA CONTRA PROVIDENCIAS JUDICIALES-Requisitos generales de procedibilidad \u00a0 A partir del r\u00e9gimen constitucional y legal de la acci\u00f3n de tutela se ha considerado la existencia de unas causales gen\u00e9ricas de procedibilidad de la acci\u00f3n de tutela, derivadas principalmente de los principios de subsidiariedad y de inmediatez caracter\u00edsticos de este mecanismo de protecci\u00f3n judicial. Estos requisitos generales, cuando la conducta objeto de control es una providencia judicial, son: (i) la inexistencia de otro o de otros mecanismos de defensa judicial (recursos ordinarios o extraordinarios) y (ii) la verificaci\u00f3n de una relaci\u00f3n de inmediatez entre ...<br \/><div class=\"pt-cv-rmwrap\"><a href=\"https:\/\/www.dmsjuridica.com\/buscador_20179478954\/corteconstitucionalcronologico202454587\/t-606-04\/\" class=\"_self pt-cv-readmore btn btn-success\" target=\"_self\">Ver Sentencia Completa...<\/a><\/div><\/div><\/div><\/div>\n<div class=\"col-md-12 col-sm-12 col-xs-12 pt-cv-content-item pt-cv-1-col\" ><div class='pt-cv-ifield'><a href=\"https:\/\/www.dmsjuridica.com\/buscador_20179478954\/corteconstitucionalcronologico202454587\/t-605-04\/\" class=\"_self pt-cv-href-thumbnail pt-cv-thumb-default\" target=\"_self\" ><\/a>\n<div class=\"pt-cv-taxoterm above_title\"><a href='https:\/\/www.dmsjuridica.com\/buscador_20179478954\/corteconstitucionalcronologico202454587\/category\/buscar-en-toda-la-corte\/2004\/tutelas-2004\/' title='Tutelas 2004' class='pt-cv-tax-tutelas-2004'>Tutelas 2004<\/a><\/div>\n<h4 class=\"pt-cv-title\"><a href=\"https:\/\/www.dmsjuridica.com\/buscador_20179478954\/corteconstitucionalcronologico202454587\/t-605-04\/\" class=\"_self\" target=\"_self\" >T-605-04<\/a><\/h4>\n<div class=\"pt-cv-content\">\u00a0 \u00a0 Sentencia T-605\/04 \u00a0 LICENCIA DE MATERNIDAD-Reglas aplicables para el pago \u00a0 LICENCIA DE MATERNIDAD-Ampliaci\u00f3n del t\u00e9rmino al primer a\u00f1o de vida del ni\u00f1o para presentar la tutela \u00a0 EMPLEADOR-Mora de aportes en salud\/EMPLEADOR-Pago extempor\u00e1neo de aportes a seguridad social en salud \u00a0 La empleadora de la demandante incumpli\u00f3 la obligaci\u00f3n legal que le asiste de pagar oportunamente los aportes al sistema de seguridad social en salud. Es claro, como consta en el expediente, que exist\u00eda mora en el cumplimiento de tal obligaci\u00f3n; no obstante, al momento de solicitar el pago de la licencia de la se\u00f1ora se cubrieron ...<br \/><div class=\"pt-cv-rmwrap\"><a href=\"https:\/\/www.dmsjuridica.com\/buscador_20179478954\/corteconstitucionalcronologico202454587\/t-605-04\/\" class=\"_self pt-cv-readmore btn btn-success\" target=\"_self\">Ver Sentencia Completa...<\/a><\/div><\/div><\/div><\/div>\n<div class=\"col-md-12 col-sm-12 col-xs-12 pt-cv-content-item pt-cv-1-col\" ><div class='pt-cv-ifield'><a href=\"https:\/\/www.dmsjuridica.com\/buscador_20179478954\/corteconstitucionalcronologico202454587\/t-604-04\/\" class=\"_self pt-cv-href-thumbnail pt-cv-thumb-default\" target=\"_self\" ><\/a>\n<div class=\"pt-cv-taxoterm above_title\"><a href='https:\/\/www.dmsjuridica.com\/buscador_20179478954\/corteconstitucionalcronologico202454587\/category\/buscar-en-toda-la-corte\/2004\/tutelas-2004\/' title='Tutelas 2004' class='pt-cv-tax-tutelas-2004'>Tutelas 2004<\/a><\/div>\n<h4 class=\"pt-cv-title\"><a href=\"https:\/\/www.dmsjuridica.com\/buscador_20179478954\/corteconstitucionalcronologico202454587\/t-604-04\/\" class=\"_self\" target=\"_self\" >T-604-04<\/a><\/h4>\n<div class=\"pt-cv-content\">\u00a0 \u00a0 Sentencia T-604\/04 \u00a0 ACCION DE TUTELA-Hecho superado por recibir el tratamiento m\u00e9dico requerido y los ex\u00e1menes prescritos \u00a0 Referencia: expediente T-858327 \u00a0 Acci\u00f3n de tutela instaurada por Mar\u00eda Danae Arias como agente oficiosa de su se\u00f1or padre Manuel Arias Jaramillo contra Solsalud E.P.S. \u00a0 Magistrado Ponente (E) \u00a0 Bogot\u00e1 D. C., diecisiete (17) de junio de dos mil cuatro (2004). \u00a0 La Sala S\u00e9ptima de Revisi\u00f3n de la Corte Constitucional integrada por los magistrados Clara In\u00e9s Vargas Hern\u00e1ndez, \u00c1lvaro Tafur G\u00e1lvis y Rodrigo Uprimny Yepes, en ejercicio de sus competencias constitucionales y legales, espec\u00edficamente las previstas en los ...<br \/><div class=\"pt-cv-rmwrap\"><a href=\"https:\/\/www.dmsjuridica.com\/buscador_20179478954\/corteconstitucionalcronologico202454587\/t-604-04\/\" class=\"_self pt-cv-readmore btn btn-success\" target=\"_self\">Ver Sentencia Completa...<\/a><\/div><\/div><\/div><\/div>\n<div class=\"col-md-12 col-sm-12 col-xs-12 pt-cv-content-item pt-cv-1-col\" ><div class='pt-cv-ifield'><a href=\"https:\/\/www.dmsjuridica.com\/buscador_20179478954\/corteconstitucionalcronologico202454587\/t-603-04\/\" class=\"_self pt-cv-href-thumbnail pt-cv-thumb-default\" target=\"_self\" ><\/a>\n<div class=\"pt-cv-taxoterm above_title\"><a href='https:\/\/www.dmsjuridica.com\/buscador_20179478954\/corteconstitucionalcronologico202454587\/category\/buscar-en-toda-la-corte\/2004\/tutelas-2004\/' title='Tutelas 2004' class='pt-cv-tax-tutelas-2004'>Tutelas 2004<\/a><\/div>\n<h4 class=\"pt-cv-title\"><a href=\"https:\/\/www.dmsjuridica.com\/buscador_20179478954\/corteconstitucionalcronologico202454587\/t-603-04\/\" class=\"_self\" target=\"_self\" >T-603-04<\/a><\/h4>\n<div class=\"pt-cv-content\">\u00a0 \u00a0 Sentencia T-603\/04 \u00a0 DERECHO A LA SALUD-Fundamental por conexidad con la vida \u00a0 DERECHO A LA VIDA EN CONDICIONES DIGNAS Y JUSTAS-Entrega de medicamentos antirretrovirales excluidos del POS\/ADMINISTRADORA DEL REGIMEN SUBSIDIADO-Entrega de medicamentos antirretrovirales excluidos del POS y repetici\u00f3n contra el FOSYGA \u00a0 AUTORIDADES-No deben condicionar la presentaci\u00f3n de una acci\u00f3n administrativa o judicial para hacer efectivos los derechos constitucionales de las personas \u00a0 No deben las autoridades administrativas esperar a que los ciudadanos instauren acciones judiciales o administrativas para poner en marcha las medidas que hagan efectivos los derechos de las personas; la eficacia de la funci\u00f3n ...<br \/><div class=\"pt-cv-rmwrap\"><a href=\"https:\/\/www.dmsjuridica.com\/buscador_20179478954\/corteconstitucionalcronologico202454587\/t-603-04\/\" class=\"_self pt-cv-readmore btn btn-success\" target=\"_self\">Ver Sentencia Completa...<\/a><\/div><\/div><\/div><\/div>\n<div class=\"col-md-12 col-sm-12 col-xs-12 pt-cv-content-item pt-cv-1-col\" ><div class='pt-cv-ifield'><a href=\"https:\/\/www.dmsjuridica.com\/buscador_20179478954\/corteconstitucionalcronologico202454587\/t-602-04\/\" class=\"_self pt-cv-href-thumbnail pt-cv-thumb-default\" target=\"_self\" ><\/a>\n<div class=\"pt-cv-taxoterm above_title\"><a href='https:\/\/www.dmsjuridica.com\/buscador_20179478954\/corteconstitucionalcronologico202454587\/category\/buscar-en-toda-la-corte\/2004\/tutelas-2004\/' title='Tutelas 2004' class='pt-cv-tax-tutelas-2004'>Tutelas 2004<\/a><\/div>\n<h4 class=\"pt-cv-title\"><a href=\"https:\/\/www.dmsjuridica.com\/buscador_20179478954\/corteconstitucionalcronologico202454587\/t-602-04\/\" class=\"_self\" target=\"_self\" >T-602-04<\/a><\/h4>\n<div class=\"pt-cv-content\">\u00a0 \u00a0 Sentencia T-602\/04 \u00a0 DERECHO DE PETICION EN MATERIA PENSIONAL-T\u00e9rminos para resolver \u00a0 Referencia: expediente T-863802 \u00a0 Peticionario: Rafael V\u00e1squez Mej\u00eda \u00a0 Magistrado Ponente: \u00a0 Dr. ALFREDO BELTR\u00c1N SIERRA \u00a0 La Sala Segunda de Revisi\u00f3n de la Corte Constitucional, integrada por los magistrados, Alfredo Beltr\u00e1n Sierra, Manuel Jos\u00e9 Cepeda Espinosa y Jaime C\u00f3rdoba Trivi\u00f1o, en ejercicio de sus competencias constitucionales y legales, ha proferido la siguiente : \u00a0 SENTENCIA \u00a0 El expediente lleg\u00f3 \u00a0a la Corte Constitucional, por remisi\u00f3n que se hizo en virtud de lo ordenado por el art\u00edculo 31 del Decreto 2591 de 1991. La Sala de ...<br \/><div class=\"pt-cv-rmwrap\"><a href=\"https:\/\/www.dmsjuridica.com\/buscador_20179478954\/corteconstitucionalcronologico202454587\/t-602-04\/\" class=\"_self pt-cv-readmore btn btn-success\" target=\"_self\">Ver Sentencia Completa...<\/a><\/div><\/div><\/div><\/div>\n<div class=\"col-md-12 col-sm-12 col-xs-12 pt-cv-content-item pt-cv-1-col\" ><div class='pt-cv-ifield'><a href=\"https:\/\/www.dmsjuridica.com\/buscador_20179478954\/corteconstitucionalcronologico202454587\/t-601-04\/\" class=\"_self pt-cv-href-thumbnail pt-cv-thumb-default\" target=\"_self\" ><\/a>\n<div class=\"pt-cv-taxoterm above_title\"><a href='https:\/\/www.dmsjuridica.com\/buscador_20179478954\/corteconstitucionalcronologico202454587\/category\/buscar-en-toda-la-corte\/2004\/tutelas-2004\/' title='Tutelas 2004' class='pt-cv-tax-tutelas-2004'>Tutelas 2004<\/a><\/div>\n<h4 class=\"pt-cv-title\"><a href=\"https:\/\/www.dmsjuridica.com\/buscador_20179478954\/corteconstitucionalcronologico202454587\/t-601-04\/\" class=\"_self\" target=\"_self\" >T-601-04<\/a><\/h4>\n<div class=\"pt-cv-content\">\u00a0 \u00a0 Sentencia T-601\/04 \u00a0 DERECHOS FUNDAMENTALES-No vulneraci\u00f3n por entidades de salud \u00a0 ACCION DE TUTELA-Improcedencia por falta de pruebas\/ACCION DE TUTELA-Improcedencia por no darse el presupuesto de la inmediatez \u00a0 Referencia: expediente T-858980 \u00a0 Acci\u00f3n de tutela instaurada por Nilson Aniano Valencia Arboleda contra Emssanar E.S.S y el Hospital Universitario del Valle.\u00a0 \u00a0 Magistrado Ponente: \u00a0 Dr. ALFREDO BELTR\u00c1N SIERRA \u00a0 Bogot\u00e1, D. C., diez y seis (16) de junio de dos mil cuatro (2004). \u00a0 La Sala Segunda de Revisi\u00f3n de la Corte Constitucional, en ejercicio de sus competencias constitucionales y legales, ha proferido la siguiente\u00a0 \u00a0 SENTENCIA\u00a0 ...<br \/><div class=\"pt-cv-rmwrap\"><a href=\"https:\/\/www.dmsjuridica.com\/buscador_20179478954\/corteconstitucionalcronologico202454587\/t-601-04\/\" class=\"_self pt-cv-readmore btn btn-success\" target=\"_self\">Ver Sentencia Completa...<\/a><\/div><\/div><\/div><\/div>\n<div class=\"col-md-12 col-sm-12 col-xs-12 pt-cv-content-item pt-cv-1-col\" ><div class='pt-cv-ifield'><a href=\"https:\/\/www.dmsjuridica.com\/buscador_20179478954\/corteconstitucionalcronologico202454587\/t-600-04\/\" class=\"_self pt-cv-href-thumbnail pt-cv-thumb-default\" target=\"_self\" ><\/a>\n<div class=\"pt-cv-taxoterm above_title\"><a href='https:\/\/www.dmsjuridica.com\/buscador_20179478954\/corteconstitucionalcronologico202454587\/category\/buscar-en-toda-la-corte\/2004\/tutelas-2004\/' title='Tutelas 2004' class='pt-cv-tax-tutelas-2004'>Tutelas 2004<\/a><\/div>\n<h4 class=\"pt-cv-title\"><a href=\"https:\/\/www.dmsjuridica.com\/buscador_20179478954\/corteconstitucionalcronologico202454587\/t-600-04\/\" class=\"_self\" target=\"_self\" >T-600-04<\/a><\/h4>\n<div class=\"pt-cv-content\">\u00a0 \u00a0 Sentencia T-600\/04 \u00a0 DERECHO DE PETICION-Alcance\/DERECHO DE PETICION-Reglas jurisprudenciales \u00a0 DERECHO DE PETICION EN MATERIA PENSIONAL-T\u00e9rminos para resolver \u00a0 ACCION DE TUTELA-Hecho superado por reconocimiento de pensi\u00f3n\u00a0 \u00a0 Reiteraci\u00f3n de Jurisprudencia \u00a0 Referencia: expediente T-856892 \u00a0 Acci\u00f3n de tutela instaurada por la ciudadana Yolanda Garc\u00eda Ram\u00edrez contra la Subdirecci\u00f3n de Prestaciones Econ\u00f3micas de la Caja Nacional de Previsi\u00f3n Social \u201cCajanal\u201d.\u00a0 \u00a0 Magistrado Ponente \u00a0 Dr. JAIME ARA\u00daJO RENTER\u00cdA \u00a0 Bogot\u00e1, D. C., diecis\u00e9is (16) de junio de dos mil cuatro (2004). \u00a0 La Sala Primera de Revisi\u00f3n de la Corte Constitucional, integrada por los magistrados ALFREDO BELTR\u00c1N SIERRA, ...<br \/><div class=\"pt-cv-rmwrap\"><a href=\"https:\/\/www.dmsjuridica.com\/buscador_20179478954\/corteconstitucionalcronologico202454587\/t-600-04\/\" class=\"_self pt-cv-readmore btn btn-success\" target=\"_self\">Ver Sentencia Completa...<\/a><\/div><\/div><\/div><\/div>\n<div class=\"col-md-12 col-sm-12 col-xs-12 pt-cv-content-item pt-cv-1-col\" ><div class='pt-cv-ifield'><a href=\"https:\/\/www.dmsjuridica.com\/buscador_20179478954\/corteconstitucionalcronologico202454587\/t-599-04\/\" class=\"_self pt-cv-href-thumbnail pt-cv-thumb-default\" target=\"_self\" ><\/a>\n<div class=\"pt-cv-taxoterm above_title\"><a href='https:\/\/www.dmsjuridica.com\/buscador_20179478954\/corteconstitucionalcronologico202454587\/category\/buscar-en-toda-la-corte\/2004\/tutelas-2004\/' title='Tutelas 2004' class='pt-cv-tax-tutelas-2004'>Tutelas 2004<\/a><\/div>\n<h4 class=\"pt-cv-title\"><a href=\"https:\/\/www.dmsjuridica.com\/buscador_20179478954\/corteconstitucionalcronologico202454587\/t-599-04\/\" class=\"_self\" target=\"_self\" >T-599-04<\/a><\/h4>\n<div class=\"pt-cv-content\">\u00a0 \u00a0 Sentencia T-599\/04 \u00a0 ACCION DE TUTELA-Cumplimiento de fallos judiciales para hacer efectivas obligaciones de hacer \u00a0 ACCION DE TUTELA-Improcedencia general para cumplimiento de fallos judiciales que generen obligaciones de dar \u00a0 ACCION DE TUTELA-Procedencia excepcional para cumplimiento de sentencias que generen obligaciones de dar\/ACCION DE TUTELA-Procedencia para cumplimiento de sentencias que reconocen pensiones \u00a0 A\u00fan en el evento en que sea pertinente el proceso ejecutivo para reclamar la satisfacci\u00f3n de una obligaci\u00f3n de hacer cuyo origen sea una sentencia judicial ejecutoriada, la tutela ser\u00e1 procedente si se observa que el incumplimiento conlleva la vulneraci\u00f3n de derechos fundamentales y ...<br \/><div class=\"pt-cv-rmwrap\"><a href=\"https:\/\/www.dmsjuridica.com\/buscador_20179478954\/corteconstitucionalcronologico202454587\/t-599-04\/\" class=\"_self pt-cv-readmore btn btn-success\" target=\"_self\">Ver Sentencia Completa...<\/a><\/div><\/div><\/div><\/div>\n<div class=\"col-md-12 col-sm-12 col-xs-12 pt-cv-content-item pt-cv-1-col\" ><div class='pt-cv-ifield'><a href=\"https:\/\/www.dmsjuridica.com\/buscador_20179478954\/corteconstitucionalcronologico202454587\/t-598-04\/\" class=\"_self pt-cv-href-thumbnail pt-cv-thumb-default\" target=\"_self\" ><\/a>\n<div class=\"pt-cv-taxoterm above_title\"><a href='https:\/\/www.dmsjuridica.com\/buscador_20179478954\/corteconstitucionalcronologico202454587\/category\/buscar-en-toda-la-corte\/2004\/tutelas-2004\/' title='Tutelas 2004' class='pt-cv-tax-tutelas-2004'>Tutelas 2004<\/a><\/div>\n<h4 class=\"pt-cv-title\"><a href=\"https:\/\/www.dmsjuridica.com\/buscador_20179478954\/corteconstitucionalcronologico202454587\/t-598-04\/\" class=\"_self\" target=\"_self\" >T-598-04<\/a><\/h4>\n<div class=\"pt-cv-content\">\u00a0 \u00a0 Sentencia T-598\/04 \u00a0 ACCION DE TUTELA TEMERARIA-Identidad de partes, hechos y pretensiones\/ACCION DE TUTELA TEMERARIA-Resoluciones de la CAR por los mismos hechos \u00a0 La Corte estima que en la acci\u00f3n de tutela objeto de revisi\u00f3n las pretensiones y el fundamento son iguales a los de la acci\u00f3n interpuesta en el 2001. La presente acci\u00f3n est\u00e1 dirigida contra las mismas resoluciones de la CAR, bajo el fundamento de que dichos actos administrativos violan el derecho a debido proceso y a la igualdad de la sociedad APESP. La Corte tiene de presente que entre la interposici\u00f3n de las dos acciones ...<br \/><div class=\"pt-cv-rmwrap\"><a href=\"https:\/\/www.dmsjuridica.com\/buscador_20179478954\/corteconstitucionalcronologico202454587\/t-598-04\/\" class=\"_self pt-cv-readmore btn btn-success\" target=\"_self\">Ver Sentencia Completa...<\/a><\/div><\/div><\/div><\/div>\n<div class=\"col-md-12 col-sm-12 col-xs-12 pt-cv-content-item pt-cv-1-col\" ><div class='pt-cv-ifield'><a href=\"https:\/\/www.dmsjuridica.com\/buscador_20179478954\/corteconstitucionalcronologico202454587\/t-597-04\/\" class=\"_self pt-cv-href-thumbnail pt-cv-thumb-default\" target=\"_self\" ><\/a>\n<div class=\"pt-cv-taxoterm above_title\"><a href='https:\/\/www.dmsjuridica.com\/buscador_20179478954\/corteconstitucionalcronologico202454587\/category\/buscar-en-toda-la-corte\/2004\/tutelas-2004\/' title='Tutelas 2004' class='pt-cv-tax-tutelas-2004'>Tutelas 2004<\/a><\/div>\n<h4 class=\"pt-cv-title\"><a href=\"https:\/\/www.dmsjuridica.com\/buscador_20179478954\/corteconstitucionalcronologico202454587\/t-597-04\/\" class=\"_self\" target=\"_self\" >T-597-04<\/a><\/h4>\n<div class=\"pt-cv-content\">\u00a0 \u00a0 Sentencia T-597\/04 \u00a0 EMPLEOS DE LIBRE NOMBRAMIENTO Y REMOCION-Determinaci\u00f3n \u00a0 CARRERA ADMINISTRATIVA-Nombramientos en provisionalidad \u00a0 INSUBSISTENCIA EN CARGO DE CARRERA-Motivaci\u00f3n\/DEBIDO PROCESO-Motivaci\u00f3n insubsistencia cargo de carrera de empleado en provisionalidad \u00a0 DEBIDO PROCESO-Vulneraci\u00f3n por no motivarse insubsistencia de empleada en provisionalidad ocupando cargo de carrera \u00a0 ACCION DE TUTELA TRANSITORIA-Perjuicio irremediable a madre cabeza de familia \u00a0 Referencia: expediente T-843420 \u00a0 Magistrado Ponente: \u00a0 Dr. MANUEL JOSE CEPEDA ESPINOSA \u00a0 Bogot\u00e1, D.C., quince (15) de junio de dos mil cuatro (2004) \u00a0 La Sala Tercera de Revisi\u00f3n de la Corte Constitucional, integrada por los magistrados, Manuel Jos\u00e9 Cepeda Espinosa, ...<br \/><div class=\"pt-cv-rmwrap\"><a href=\"https:\/\/www.dmsjuridica.com\/buscador_20179478954\/corteconstitucionalcronologico202454587\/t-597-04\/\" class=\"_self pt-cv-readmore btn btn-success\" target=\"_self\">Ver Sentencia Completa...<\/a><\/div><\/div><\/div><\/div>\n<div class=\"col-md-12 col-sm-12 col-xs-12 pt-cv-content-item pt-cv-1-col\" ><div class='pt-cv-ifield'><a href=\"https:\/\/www.dmsjuridica.com\/buscador_20179478954\/corteconstitucionalcronologico202454587\/t-596-04\/\" class=\"_self pt-cv-href-thumbnail pt-cv-thumb-default\" target=\"_self\" ><\/a>\n<div class=\"pt-cv-taxoterm above_title\"><a href='https:\/\/www.dmsjuridica.com\/buscador_20179478954\/corteconstitucionalcronologico202454587\/category\/buscar-en-toda-la-corte\/2004\/tutelas-2004\/' title='Tutelas 2004' class='pt-cv-tax-tutelas-2004'>Tutelas 2004<\/a><\/div>\n<h4 class=\"pt-cv-title\"><a href=\"https:\/\/www.dmsjuridica.com\/buscador_20179478954\/corteconstitucionalcronologico202454587\/t-596-04\/\" class=\"_self\" target=\"_self\" >T-596-04<\/a><\/h4>\n<div class=\"pt-cv-content\">\u00a0 \u00a0 Sentencia T-596\/04 \u00a0 DERECHO A LA VIDA Y A LA SALUD-Protecci\u00f3n por autoridades militares \u00a0 ACCION DE TUTELA-Carga probatoria es m\u00e1s exigente para los demandados \u00a0 La carga probatoria en el tr\u00e1mite de la acci\u00f3n de tutela, es m\u00e1s exigente para los demandados que para los accionantes, en virtud de la naturaleza especial de esta acci\u00f3n y del principio de que quien puede probar tiene la carga de hacerlo. Este principio, alivia la carga de los accionantes, quienes usualmente son personas que carecen de los medios para probar todos y cada uno de los hechos por ellos relatados ...<br \/><div class=\"pt-cv-rmwrap\"><a href=\"https:\/\/www.dmsjuridica.com\/buscador_20179478954\/corteconstitucionalcronologico202454587\/t-596-04\/\" class=\"_self pt-cv-readmore btn btn-success\" target=\"_self\">Ver Sentencia Completa...<\/a><\/div><\/div><\/div><\/div>\n<div class=\"col-md-12 col-sm-12 col-xs-12 pt-cv-content-item pt-cv-1-col\" ><div class='pt-cv-ifield'><a href=\"https:\/\/www.dmsjuridica.com\/buscador_20179478954\/corteconstitucionalcronologico202454587\/t-595-04\/\" class=\"_self pt-cv-href-thumbnail pt-cv-thumb-default\" target=\"_self\" ><\/a>\n<div class=\"pt-cv-taxoterm above_title\"><a href='https:\/\/www.dmsjuridica.com\/buscador_20179478954\/corteconstitucionalcronologico202454587\/category\/buscar-en-toda-la-corte\/2004\/tutelas-2004\/' title='Tutelas 2004' class='pt-cv-tax-tutelas-2004'>Tutelas 2004<\/a><\/div>\n<h4 class=\"pt-cv-title\"><a href=\"https:\/\/www.dmsjuridica.com\/buscador_20179478954\/corteconstitucionalcronologico202454587\/t-595-04\/\" class=\"_self\" target=\"_self\" >T-595-04<\/a><\/h4>\n<div class=\"pt-cv-content\">ACCION DE TUTELA TRANSITORIA-Inexistencia de perjuicio irremediable\/MEDIO DE DEFENSA JUDICIAL EFICAZ-Improcedencia de tutela \u00a0 Referencia: expediente T-846930 \u00a0 Acci\u00f3n de tutela instaurada por \u00c1lvaro Bernal Fern\u00e1ndez contra la Empresa de Telecomunicaciones de Bogot\u00e1.\u00a0 \u00a0 \u00a0 \u00a0 Magistrado Ponente: \u00a0 Dr. MANUEL JOS\u00c9 CEPEDA ESPINOSA \u00a0 Bogot\u00e1, D. C., quince (15) de junio de dos mil cuatro (2004). \u00a0 La Sala Tercera de Revisi\u00f3n de la Corte Constitucional, integrada por los magistrados Manuel Jos\u00e9 Cepeda Espinosa, Jaime C\u00f3rdoba Trivi\u00f1o y Rodrigo Escobar Gil, en ejercicio de sus atribuciones constitucionales y previo el cumplimiento de los requisitos y tr\u00e1mites legales y reglamentarios, ...<br \/><div class=\"pt-cv-rmwrap\"><a href=\"https:\/\/www.dmsjuridica.com\/buscador_20179478954\/corteconstitucionalcronologico202454587\/t-595-04\/\" class=\"_self pt-cv-readmore btn btn-success\" target=\"_self\">Ver Sentencia Completa...<\/a><\/div><\/div><\/div><\/div>\n<div class=\"col-md-12 col-sm-12 col-xs-12 pt-cv-content-item pt-cv-1-col\" ><div class='pt-cv-ifield'><a href=\"https:\/\/www.dmsjuridica.com\/buscador_20179478954\/corteconstitucionalcronologico202454587\/t-594-04\/\" class=\"_self pt-cv-href-thumbnail pt-cv-thumb-default\" target=\"_self\" ><\/a>\n<div class=\"pt-cv-taxoterm above_title\"><a href='https:\/\/www.dmsjuridica.com\/buscador_20179478954\/corteconstitucionalcronologico202454587\/category\/buscar-en-toda-la-corte\/2004\/tutelas-2004\/' title='Tutelas 2004' class='pt-cv-tax-tutelas-2004'>Tutelas 2004<\/a><\/div>\n<h4 class=\"pt-cv-title\"><a href=\"https:\/\/www.dmsjuridica.com\/buscador_20179478954\/corteconstitucionalcronologico202454587\/t-594-04\/\" class=\"_self\" target=\"_self\" >T-594-04<\/a><\/h4>\n<div class=\"pt-cv-content\">\u00a0 \u00a0 Sentencia T-594\/04 \u00a0 ACCION DE TUTELA CONTRA PARTICULARES-Indefensi\u00f3n \u00a0 CONVENCION COLECTIVA-Protecci\u00f3n\/DERECHO DE NEGOCIACION COLECTIVA Y LIBERTAD SINDICAL-Vulneraci\u00f3n cuando el empleador ordena al trabajador acogerse y pagar cuotas a sindicatos extra\u00f1os \u00a0 EMPLEADOR-Deducci\u00f3n del salario con destino a sindicatos a los que no pertenec\u00edan los peticionarios \u00a0 Referencia: expedientes T-857967, T-860856, T-858629, T-859071, T-859070, T-858050 y T-861192 (acumulados) \u00a0 Acciones de tutela instauradas por Rub\u00e9n Dar\u00edo Giraldo Salazar, Luis Javier Tob\u00f3n Cevallos, Jairo de Jes\u00fas L\u00f3pez L\u00f3pez, Antonio Jos\u00e9 Agudelo Arroyave, Edgar Adolfo Correa Gallo, John Jairo P\u00e9rez Zapata y Jorge Hernando Berr\u00edo Cata\u00f1o y Jairo Arnoldo Cadavid Alzate ...<br \/><div class=\"pt-cv-rmwrap\"><a href=\"https:\/\/www.dmsjuridica.com\/buscador_20179478954\/corteconstitucionalcronologico202454587\/t-594-04\/\" class=\"_self pt-cv-readmore btn btn-success\" target=\"_self\">Ver Sentencia Completa...<\/a><\/div><\/div><\/div><\/div>\n<div class=\"col-md-12 col-sm-12 col-xs-12 pt-cv-content-item pt-cv-1-col\" ><div class='pt-cv-ifield'><a href=\"https:\/\/www.dmsjuridica.com\/buscador_20179478954\/corteconstitucionalcronologico202454587\/t-593-04\/\" class=\"_self pt-cv-href-thumbnail pt-cv-thumb-default\" target=\"_self\" ><\/a>\n<div class=\"pt-cv-taxoterm above_title\"><a href='https:\/\/www.dmsjuridica.com\/buscador_20179478954\/corteconstitucionalcronologico202454587\/category\/buscar-en-toda-la-corte\/2004\/tutelas-2004\/' title='Tutelas 2004' class='pt-cv-tax-tutelas-2004'>Tutelas 2004<\/a><\/div>\n<h4 class=\"pt-cv-title\"><a href=\"https:\/\/www.dmsjuridica.com\/buscador_20179478954\/corteconstitucionalcronologico202454587\/t-593-04\/\" class=\"_self\" target=\"_self\" >T-593-04<\/a><\/h4>\n<div class=\"pt-cv-content\">\u00a0 \u00a0 Sentencia T-593\/04 \u00a0 ACCION DE TUTELA CONTRA PARTICULARES-Indefensi\u00f3n \u00a0 CONVENCION COLECTIVA-Protecci\u00f3n\/DERECHO DE NEGOCIACION COLECTIVA Y LIBERTAD SINDICAL-Vulneraci\u00f3n cuando el empleador ordena al trabajador acogerse y pagar cuotas a sindicatos extra\u00f1os \u00a0 EMPLEADOR-Deducci\u00f3n del salario con destino a sindicatos a los que no pertenec\u00edan los peticionarios \u00a0 Referencia: expedientes T-854.987, T-863.751, T-864.517, T-864.883, T-864.482, T-855.227, T-866.479, T-856.827, T-865.178, T-867.218, T-865.763, T-865.266, T-868.727, T-867.269, T-865.523, T-864.493, T-864.552, T-864.473, T-855.108, T-856.491, T-862.388, T-863.603 y T-864.461 (acumulados). \u00a0 Acciones de tutela instauradas por Jorge Eli\u00e9cer Guar\u00edn Giraldo, Hugo Ovidio Alzate G\u00f3mez, Jes\u00fas Alcides Builes Valencia, Eduardo El\u00edas Gaviria de Ossa, Jorge Agudelo ...<br \/><div class=\"pt-cv-rmwrap\"><a href=\"https:\/\/www.dmsjuridica.com\/buscador_20179478954\/corteconstitucionalcronologico202454587\/t-593-04\/\" class=\"_self pt-cv-readmore btn btn-success\" target=\"_self\">Ver Sentencia Completa...<\/a><\/div><\/div><\/div><\/div>\n<div class=\"col-md-12 col-sm-12 col-xs-12 pt-cv-content-item pt-cv-1-col\" ><div class='pt-cv-ifield'><a href=\"https:\/\/www.dmsjuridica.com\/buscador_20179478954\/corteconstitucionalcronologico202454587\/t-592-04\/\" class=\"_self pt-cv-href-thumbnail pt-cv-thumb-default\" target=\"_self\" ><\/a>\n<div class=\"pt-cv-taxoterm above_title\"><a href='https:\/\/www.dmsjuridica.com\/buscador_20179478954\/corteconstitucionalcronologico202454587\/category\/buscar-en-toda-la-corte\/2004\/tutelas-2004\/' title='Tutelas 2004' class='pt-cv-tax-tutelas-2004'>Tutelas 2004<\/a><\/div>\n<h4 class=\"pt-cv-title\"><a href=\"https:\/\/www.dmsjuridica.com\/buscador_20179478954\/corteconstitucionalcronologico202454587\/t-592-04\/\" class=\"_self\" target=\"_self\" >T-592-04<\/a><\/h4>\n<div class=\"pt-cv-content\">\u00a0 \u00a0 Sentencia T-592\/04 \u00a0 ACCION DE TUTELA CONTRA PARTICULARES-Indefensi\u00f3n \u00a0 CONVENCION COLECTIVA-Protecci\u00f3n\/DERECHO DE NEGOCIACION COLECTIVA Y LIBERTAD SINDICAL-Vulneraci\u00f3n cuando el empleador ordena al trabajador acogerse y pagar cuotas a sindicatos extra\u00f1os \u00a0 EMPLEADOR-Deducci\u00f3n del salario con destino a sindicatos a los que no pertenec\u00edan los peticionarios \u00a0 Referencia: expedientes T-869382, T-870067, T-870098, T-870879, T-869397, T-870886 y T-870147 (acumulados). \u00a0 Acciones de tutela instauradas por Alberto de Jes\u00fas Penagos Jaramillo, Sergio de Jes\u00fas Castrill\u00f3n Soto, Jos\u00e9 Libardo Garc\u00e9s Fern\u00e1ndez, Fernando de Jes\u00fas Mu\u00f1oz Rend\u00f3n, Luis Alberto Loaiza Fl\u00f3rez, Rub\u00e9n Dar\u00edo Rend\u00f3n Rend\u00f3n y Nelson de Jes\u00fas Echavarr\u00eda Londo\u00f1o en contra ...<br \/><div class=\"pt-cv-rmwrap\"><a href=\"https:\/\/www.dmsjuridica.com\/buscador_20179478954\/corteconstitucionalcronologico202454587\/t-592-04\/\" class=\"_self pt-cv-readmore btn btn-success\" target=\"_self\">Ver Sentencia Completa...<\/a><\/div><\/div><\/div><\/div>\n<div class=\"col-md-12 col-sm-12 col-xs-12 pt-cv-content-item pt-cv-1-col\" ><div class='pt-cv-ifield'><a href=\"https:\/\/www.dmsjuridica.com\/buscador_20179478954\/corteconstitucionalcronologico202454587\/t-591-04\/\" class=\"_self pt-cv-href-thumbnail pt-cv-thumb-default\" target=\"_self\" ><\/a>\n<div class=\"pt-cv-taxoterm above_title\"><a href='https:\/\/www.dmsjuridica.com\/buscador_20179478954\/corteconstitucionalcronologico202454587\/category\/buscar-en-toda-la-corte\/2004\/tutelas-2004\/' title='Tutelas 2004' class='pt-cv-tax-tutelas-2004'>Tutelas 2004<\/a><\/div>\n<h4 class=\"pt-cv-title\"><a href=\"https:\/\/www.dmsjuridica.com\/buscador_20179478954\/corteconstitucionalcronologico202454587\/t-591-04\/\" class=\"_self\" target=\"_self\" >T-591-04<\/a><\/h4>\n<div class=\"pt-cv-content\">\u00a0 \u00a0 Sentencia T-591\/04 \u00a0 DERECHO A LA DIGNIDAD HUMANA DEL MENOR-Actuaciones tendientes a procurar una vida sana \u00a0 ENTIDAD PROMOTORA DE SALUD E INSTITUCION PRESTADORA DE SALUD-Funciones diferentes \u00a0 ENTIDAD PROMOTORA DE SALUD-No puede enviar al afiliado a que acuda directamente a la IPS \u00a0 Las E.P.S. no pueden desatender su funci\u00f3n propia de ser prestadoras del servicio de salud y enviar al afiliado - cotizante o beneficiario- a que acuda directamente a la I.P.S. con la cual tengan contrato para la efectiva prestaci\u00f3n del servicio, pues si bien ellas no son las que directamente brindan la atenci\u00f3n, s\u00ed ...<br \/><div class=\"pt-cv-rmwrap\"><a href=\"https:\/\/www.dmsjuridica.com\/buscador_20179478954\/corteconstitucionalcronologico202454587\/t-591-04\/\" class=\"_self pt-cv-readmore btn btn-success\" target=\"_self\">Ver Sentencia Completa...<\/a><\/div><\/div><\/div><\/div>\n<div class=\"col-md-12 col-sm-12 col-xs-12 pt-cv-content-item pt-cv-1-col\" ><div class='pt-cv-ifield'><a href=\"https:\/\/www.dmsjuridica.com\/buscador_20179478954\/corteconstitucionalcronologico202454587\/t-590-04\/\" class=\"_self pt-cv-href-thumbnail pt-cv-thumb-default\" target=\"_self\" ><\/a>\n<div class=\"pt-cv-taxoterm above_title\"><a href='https:\/\/www.dmsjuridica.com\/buscador_20179478954\/corteconstitucionalcronologico202454587\/category\/buscar-en-toda-la-corte\/2004\/tutelas-2004\/' title='Tutelas 2004' class='pt-cv-tax-tutelas-2004'>Tutelas 2004<\/a><\/div>\n<h4 class=\"pt-cv-title\"><a href=\"https:\/\/www.dmsjuridica.com\/buscador_20179478954\/corteconstitucionalcronologico202454587\/t-590-04\/\" class=\"_self\" target=\"_self\" >T-590-04<\/a><\/h4>\n<div class=\"pt-cv-content\">\u00a0 \u00a0 Sentencia T-590\/04 \u00a0 DERECHO A LA SALUD DE PERSONA DISMINUIDA PSIQUICAMENTE-Protecci\u00f3n especial\/DERECHO A LA VIDA DIGNA DE DISMINUIDO PSIQUICO-Suministro de medicamentos \u00a0 Referencia: expediente T-820803 \u00a0 Demandado: Departamento Administrativo de Planeaci\u00f3n Programa -SISBEN-. \u00a0 Magistrado Ponente:\u00a0 \u00a0 Dr. RODRIGO ESCOBAR GIL \u00a0 Bogot\u00e1, D.C., diez (10) de junio de dos mil cuatro (2004). \u00a0 La Sala Quinta de Revisi\u00f3n de la Corte Constitucional, integrada por los Magistrados Rodrigo Escobar Gil, Marco Gerardo Monroy Cabra y Rodrigo Uprimny Yepes (e), en ejercicio de sus competencias constitucionales y legales, ha pronunciado la siguiente, \u00a0 SENTENCIA \u00a0 1. El se\u00f1or Diego ...<br \/><div class=\"pt-cv-rmwrap\"><a href=\"https:\/\/www.dmsjuridica.com\/buscador_20179478954\/corteconstitucionalcronologico202454587\/t-590-04\/\" class=\"_self pt-cv-readmore btn btn-success\" target=\"_self\">Ver Sentencia Completa...<\/a><\/div><\/div><\/div><\/div>\n<div class=\"col-md-12 col-sm-12 col-xs-12 pt-cv-content-item pt-cv-1-col\" ><div class='pt-cv-ifield'><a href=\"https:\/\/www.dmsjuridica.com\/buscador_20179478954\/corteconstitucionalcronologico202454587\/t-589-04\/\" class=\"_self pt-cv-href-thumbnail pt-cv-thumb-default\" target=\"_self\" ><\/a>\n<div class=\"pt-cv-taxoterm above_title\"><a href='https:\/\/www.dmsjuridica.com\/buscador_20179478954\/corteconstitucionalcronologico202454587\/category\/buscar-en-toda-la-corte\/2004\/tutelas-2004\/' title='Tutelas 2004' class='pt-cv-tax-tutelas-2004'>Tutelas 2004<\/a><\/div>\n<h4 class=\"pt-cv-title\"><a href=\"https:\/\/www.dmsjuridica.com\/buscador_20179478954\/corteconstitucionalcronologico202454587\/t-589-04\/\" class=\"_self\" target=\"_self\" >T-589-04<\/a><\/h4>\n<div class=\"pt-cv-content\">\u00a0 \u00a0 \u00a0\u00a0 Sentencia T-589\/04 \u00a0 ACCION DE TUTELA-Criterios para reconocimiento de pensiones cuando media la exigencia de un bono pensional \u00a0 Los siguientes son los criterios para el reconocimiento y pago de pensiones mediante acci\u00f3n de tutela en los casos en que media la exigencia de un bono pensional. (i) La omisi\u00f3n o retardo en la expedici\u00f3n del bono pensional vulnera derechos fundamentales tales como el derecho a la seguridad social y al m\u00ednimo vital, cuando se trata de personas de la tercera edad cuyo sustento depende del reconocimiento y pago de la pensi\u00f3n de vejez o de jubilaci\u00f3n ...<br \/><div class=\"pt-cv-rmwrap\"><a href=\"https:\/\/www.dmsjuridica.com\/buscador_20179478954\/corteconstitucionalcronologico202454587\/t-589-04\/\" class=\"_self pt-cv-readmore btn btn-success\" target=\"_self\">Ver Sentencia Completa...<\/a><\/div><\/div><\/div><\/div>\n<div class=\"col-md-12 col-sm-12 col-xs-12 pt-cv-content-item pt-cv-1-col\" ><div class='pt-cv-ifield'><a href=\"https:\/\/www.dmsjuridica.com\/buscador_20179478954\/corteconstitucionalcronologico202454587\/t-588-04\/\" class=\"_self pt-cv-href-thumbnail pt-cv-thumb-default\" target=\"_self\" ><\/a>\n<div class=\"pt-cv-taxoterm above_title\"><a href='https:\/\/www.dmsjuridica.com\/buscador_20179478954\/corteconstitucionalcronologico202454587\/category\/buscar-en-toda-la-corte\/2004\/tutelas-2004\/' title='Tutelas 2004' class='pt-cv-tax-tutelas-2004'>Tutelas 2004<\/a><\/div>\n<h4 class=\"pt-cv-title\"><a href=\"https:\/\/www.dmsjuridica.com\/buscador_20179478954\/corteconstitucionalcronologico202454587\/t-588-04\/\" class=\"_self\" target=\"_self\" >T-588-04<\/a><\/h4>\n<div class=\"pt-cv-content\">\u00a0 \u00a0 Sentencia T-588\/04 \u00a0 SUBSIDIO FAMILIAR-Origen y evoluci\u00f3n \u00a0 SUBSIDIO FAMILIAR-Naturaleza jur\u00eddica \u00a0 DERECHOS DEL NI\u00d1O-Fundamental prevalente \u00a0 SUBSIDIO FAMILIAR-Hace parte de la seguridad social \u00a0 DERECHO AL SUBSIDIO FAMILIAR DEL NI\u00d1O-Procedencia por tutela \u00a0 NASCITURUS-Oportunidad de exigencia de derechos de orden legal y fundamental \u00a0 NASCITURUS-El nacimiento actualiza todos los derechos que ten\u00eda en suspenso desde el momento de la concepci\u00f3n\/NASCITURUS-Adquiere el derecho al subsidio familiar desde el momento de la concepci\u00f3n \u00a0 Desconoci\u00f3 la entidad accionada, que el alumbramiento actualizaba en cabeza de la reci\u00e9n nacida todos los derechos que ten\u00eda en suspenso desde el momento de ...<br \/><div class=\"pt-cv-rmwrap\"><a href=\"https:\/\/www.dmsjuridica.com\/buscador_20179478954\/corteconstitucionalcronologico202454587\/t-588-04\/\" class=\"_self pt-cv-readmore btn btn-success\" target=\"_self\">Ver Sentencia Completa...<\/a><\/div><\/div><\/div><\/div>\n<div class=\"col-md-12 col-sm-12 col-xs-12 pt-cv-content-item pt-cv-1-col\" ><div class='pt-cv-ifield'><a href=\"https:\/\/www.dmsjuridica.com\/buscador_20179478954\/corteconstitucionalcronologico202454587\/t-587-04\/\" class=\"_self pt-cv-href-thumbnail pt-cv-thumb-default\" target=\"_self\" ><\/a>\n<div class=\"pt-cv-taxoterm above_title\"><a href='https:\/\/www.dmsjuridica.com\/buscador_20179478954\/corteconstitucionalcronologico202454587\/category\/buscar-en-toda-la-corte\/2004\/tutelas-2004\/' title='Tutelas 2004' class='pt-cv-tax-tutelas-2004'>Tutelas 2004<\/a><\/div>\n<h4 class=\"pt-cv-title\"><a href=\"https:\/\/www.dmsjuridica.com\/buscador_20179478954\/corteconstitucionalcronologico202454587\/t-587-04\/\" class=\"_self\" target=\"_self\" >T-587-04<\/a><\/h4>\n<div class=\"pt-cv-content\">\u00a0 \u00a0 Sentencia T-587\/04 \u00a0 DERECHO DE PETICION PARA RESOLVER SOBRE RECONOCIMIENTO Y PAGO DE PENSIONES-T\u00e9rmino de cuatro meses \u00a0 DERECHO DE PETICION-Requisitos de la respuesta \u00a0 DERECHO DE PETICION EN MATERIA PENSIONAL-T\u00e9rminos para resolver \u00a0 DERECHO DE PETICION EN PENSION DE SOBREVIVIENTES-T\u00e9rmino para reconocimiento \u00a0 DERECHO DE PETICION-Vulneraci\u00f3n por no resolver solicitudes de reliquidaci\u00f3n pensional \u00a0 Referencia: expedientes acumulados T-855336 y T-855391 \u00a0 Acci\u00f3n de tutela instaurada por Silvia Lina Poveda y Jos\u00e9 Sa\u00fal de Jes\u00fas Medina Jaramillo, contra Cajanal y el Seguro Social. \u00a0 \u00a0 \u00a0 Magistrado Ponente: \u00a0 Dr. JAIME C\u00d3RDOBA TRIVI\u00d1O \u00a0 La Sala Cuarta de ...<br \/><div class=\"pt-cv-rmwrap\"><a href=\"https:\/\/www.dmsjuridica.com\/buscador_20179478954\/corteconstitucionalcronologico202454587\/t-587-04\/\" class=\"_self pt-cv-readmore btn btn-success\" target=\"_self\">Ver Sentencia Completa...<\/a><\/div><\/div><\/div><\/div>\n<div class=\"col-md-12 col-sm-12 col-xs-12 pt-cv-content-item pt-cv-1-col\" ><div class='pt-cv-ifield'><a href=\"https:\/\/www.dmsjuridica.com\/buscador_20179478954\/corteconstitucionalcronologico202454587\/t-586-04\/\" class=\"_self pt-cv-href-thumbnail pt-cv-thumb-default\" target=\"_self\" ><\/a>\n<div class=\"pt-cv-taxoterm above_title\"><a href='https:\/\/www.dmsjuridica.com\/buscador_20179478954\/corteconstitucionalcronologico202454587\/category\/buscar-en-toda-la-corte\/2004\/tutelas-2004\/' title='Tutelas 2004' class='pt-cv-tax-tutelas-2004'>Tutelas 2004<\/a><\/div>\n<h4 class=\"pt-cv-title\"><a href=\"https:\/\/www.dmsjuridica.com\/buscador_20179478954\/corteconstitucionalcronologico202454587\/t-586-04\/\" class=\"_self\" target=\"_self\" >T-586-04<\/a><\/h4>\n<div class=\"pt-cv-content\">\u00a0 \u00a0 Sentencia T-586\/04 \u00a0 SUBSIDIO FAMILIAR-Origen y evoluci\u00f3n \u00a0 SUBSIDIO FAMILIAR-Caracter\u00edsticas fundamentales \u00a0 Es considerado como especie del g\u00e9nero seguridad social, regido, por ende, por los principios de eficiencia, universalidad y solidaridad. El subsidio familiar constituye entonces una valiosa herramienta para la consecuci\u00f3n de los objetivos de la pol\u00edtica social y laboral del Estado. Es una prestaci\u00f3n social cuya finalidad es la de aliviar las cargas econ\u00f3micas que representa el sostenimiento de la familia como n\u00facleo b\u00e1sico de la sociedad, de forma que tales condiciones materiales puedan ser satisfechas. Se reconoce en dinero, en servicios y en especie a ...<br \/><div class=\"pt-cv-rmwrap\"><a href=\"https:\/\/www.dmsjuridica.com\/buscador_20179478954\/corteconstitucionalcronologico202454587\/t-586-04\/\" class=\"_self pt-cv-readmore btn btn-success\" target=\"_self\">Ver Sentencia Completa...<\/a><\/div><\/div><\/div><\/div>\n<div class=\"col-md-12 col-sm-12 col-xs-12 pt-cv-content-item pt-cv-1-col\" ><div class='pt-cv-ifield'><a href=\"https:\/\/www.dmsjuridica.com\/buscador_20179478954\/corteconstitucionalcronologico202454587\/t-585-04\/\" class=\"_self pt-cv-href-thumbnail pt-cv-thumb-default\" target=\"_self\" ><\/a>\n<div class=\"pt-cv-taxoterm above_title\"><a href='https:\/\/www.dmsjuridica.com\/buscador_20179478954\/corteconstitucionalcronologico202454587\/category\/buscar-en-toda-la-corte\/2004\/tutelas-2004\/' title='Tutelas 2004' class='pt-cv-tax-tutelas-2004'>Tutelas 2004<\/a><\/div>\n<h4 class=\"pt-cv-title\"><a href=\"https:\/\/www.dmsjuridica.com\/buscador_20179478954\/corteconstitucionalcronologico202454587\/t-585-04\/\" class=\"_self\" target=\"_self\" >T-585-04<\/a><\/h4>\n<div class=\"pt-cv-content\">\u00a0 \u00a0 Sentencia T-585\/04 \u00a0 VIA DE HECHO-Clases de defectos en la actuaci\u00f3n \u00a0 TRIBUNAL-Confundi\u00f3 una obligaci\u00f3n con el t\u00edtulo que la contiene\/VIA DE HECHO-Tribunal dio igual tratamiento a situaciones jur\u00eddicas distintas \u00a0 El Tribunal confundi\u00f3 la existencia de una obligaci\u00f3n con el t\u00edtulo que la contiene. Al no hacer esta diferencia necesaria, le dio los mismos efectos jur\u00eddicos a dos eventos distintos. En efecto, no es lo mismo una demanda ejecutiva, por ejemplo, en la que en lugar del cheque original se acompa\u00f1ara de una fotocopia de \u00e9ste, a la situaci\u00f3n de una demanda que si bien no est\u00e1 ...<br \/><div class=\"pt-cv-rmwrap\"><a href=\"https:\/\/www.dmsjuridica.com\/buscador_20179478954\/corteconstitucionalcronologico202454587\/t-585-04\/\" class=\"_self pt-cv-readmore btn btn-success\" target=\"_self\">Ver Sentencia Completa...<\/a><\/div><\/div><\/div><\/div>\n<div class=\"col-md-12 col-sm-12 col-xs-12 pt-cv-content-item pt-cv-1-col\" ><div class='pt-cv-ifield'><a href=\"https:\/\/www.dmsjuridica.com\/buscador_20179478954\/corteconstitucionalcronologico202454587\/t-584-04\/\" class=\"_self pt-cv-href-thumbnail pt-cv-thumb-default\" target=\"_self\" ><\/a>\n<div class=\"pt-cv-taxoterm above_title\"><a href='https:\/\/www.dmsjuridica.com\/buscador_20179478954\/corteconstitucionalcronologico202454587\/category\/buscar-en-toda-la-corte\/2004\/tutelas-2004\/' title='Tutelas 2004' class='pt-cv-tax-tutelas-2004'>Tutelas 2004<\/a><\/div>\n<h4 class=\"pt-cv-title\"><a href=\"https:\/\/www.dmsjuridica.com\/buscador_20179478954\/corteconstitucionalcronologico202454587\/t-584-04\/\" class=\"_self\" target=\"_self\" >T-584-04<\/a><\/h4>\n<div class=\"pt-cv-content\">\u00a0 \u00a0 Sentencia T-584\/04 \u00a0 LICENCIA DE MATERNIDAD-Objeto\/LICENCIA DE MATERNIDAD-Procedencia excepcional de tutela para el pago\/LICENCIA DE MATERNIDAD-Pago por tutela cuando afecta el m\u00ednimo vital de la madre y su hijo \u00a0 LICENCIA DE MATERNIDAD-No se pierde por no presentarse la tutela dentro de los 84 d\u00edas\/LICENCIA DE MATERNIDAD-Un a\u00f1o tiene la madre para acudir a la acci\u00f3n de tutela \u00a0 LICENCIA DE MATERNIDAD-T\u00e9rmino para reclamarla super\u00f3 el a\u00f1o que se ha establecido por la jurisprudencia\/MEDIO DE DEFENSA JUDICIAL-Reclamo del valor econ\u00f3mico de la licencia \u00a0 ACCION DE TUTELA-Fue instaurada en t\u00e9rmino para reclamar licencia de maternidad \u00a0 ENTIDAD PROMOTORA ...<br \/><div class=\"pt-cv-rmwrap\"><a href=\"https:\/\/www.dmsjuridica.com\/buscador_20179478954\/corteconstitucionalcronologico202454587\/t-584-04\/\" class=\"_self pt-cv-readmore btn btn-success\" target=\"_self\">Ver Sentencia Completa...<\/a><\/div><\/div><\/div><\/div>\n<div class=\"col-md-12 col-sm-12 col-xs-12 pt-cv-content-item pt-cv-1-col\" ><div class='pt-cv-ifield'><a href=\"https:\/\/www.dmsjuridica.com\/buscador_20179478954\/corteconstitucionalcronologico202454587\/t-583-04\/\" class=\"_self pt-cv-href-thumbnail pt-cv-thumb-default\" target=\"_self\" ><\/a>\n<div class=\"pt-cv-taxoterm above_title\"><a href='https:\/\/www.dmsjuridica.com\/buscador_20179478954\/corteconstitucionalcronologico202454587\/category\/buscar-en-toda-la-corte\/2004\/tutelas-2004\/' title='Tutelas 2004' class='pt-cv-tax-tutelas-2004'>Tutelas 2004<\/a><\/div>\n<h4 class=\"pt-cv-title\"><a href=\"https:\/\/www.dmsjuridica.com\/buscador_20179478954\/corteconstitucionalcronologico202454587\/t-583-04\/\" class=\"_self\" target=\"_self\" >T-583-04<\/a><\/h4>\n<div class=\"pt-cv-content\">\u00a0 \u00a0 Sentencia T-583\/04 \u00a0 DERECHO DE PETICION-N\u00facleo esencial \u00a0 DERECHO DE PETICION EN MATERIA PENSIONAL-T\u00e9rminos para resolver \u00a0 DERECHO DE PETICION SOBRE RECONOCIMIENTO DE PENSION-Despu\u00e9s de transcurridos cuatro meses no se ha resuelto la solicitud \u00a0 Referencia: expediente T-863994 \u00a0 Acci\u00f3n de tutela instaurada por Rosa Elvira Arcos G\u00f3mez contra La Caja Nacional de Previsi\u00f3n Social, (Cajanal) seccional Bogot\u00e1.\u00a0 \u00a0 Magistrada Ponente: \u00a0 Dra. CLARA IN\u00c9S VARGAS HERN\u00c1NDEZ \u00a0 Bogot\u00e1, D.C., diez (10) de junio de dos mil cuatro (2004). \u00a0 La Sala Novena de Revisi\u00f3n de la Corte Constitucional, en ejercicio de sus competencias constitucionales y legales, en ...<br \/><div class=\"pt-cv-rmwrap\"><a href=\"https:\/\/www.dmsjuridica.com\/buscador_20179478954\/corteconstitucionalcronologico202454587\/t-583-04\/\" class=\"_self pt-cv-readmore btn btn-success\" target=\"_self\">Ver Sentencia Completa...<\/a><\/div><\/div><\/div><\/div>\n<div class=\"col-md-12 col-sm-12 col-xs-12 pt-cv-content-item pt-cv-1-col\" ><div class='pt-cv-ifield'><a href=\"https:\/\/www.dmsjuridica.com\/buscador_20179478954\/corteconstitucionalcronologico202454587\/t-582-04\/\" class=\"_self pt-cv-href-thumbnail pt-cv-thumb-default\" target=\"_self\" ><\/a>\n<div class=\"pt-cv-taxoterm above_title\"><a href='https:\/\/www.dmsjuridica.com\/buscador_20179478954\/corteconstitucionalcronologico202454587\/category\/buscar-en-toda-la-corte\/2004\/tutelas-2004\/' title='Tutelas 2004' class='pt-cv-tax-tutelas-2004'>Tutelas 2004<\/a><\/div>\n<h4 class=\"pt-cv-title\"><a href=\"https:\/\/www.dmsjuridica.com\/buscador_20179478954\/corteconstitucionalcronologico202454587\/t-582-04\/\" class=\"_self\" target=\"_self\" >T-582-04<\/a><\/h4>\n<div class=\"pt-cv-content\">\u00a0 \u00a0 Sentencia T-582\/04 \u00a0 ACCION DE TUTELA CONTRA SENTENCIA DE TUTELA-Prohibici\u00f3n \u00a0 ACCION DE TUTELA CONTRA ACCION DE TUTELA-Improcedencia \u00a0 Referencia: expediente T-725721 \u00a0 Acci\u00f3n de tutela instaurada por Andr\u00e9s Uriel Gallego contra el Tribunal Superior de Bogot\u00e1 y la Corte Suprema de Justicia. \u00a0 Dra. CLARA IN\u00c9S VARGAS HERN\u00c1NDEZ \u00a0 Bogot\u00e1, D.C., diez (10) de junio de dos mil cuatro (2004) \u00a0 La Sala Novena de Revisi\u00f3n de la Corte Constitucional, integrada por los Magistrados CLARA IN\u00c9S VARGAS HERN\u00c1NDEZ, JAIME ARAUJO RENTER\u00cdA y ALFREDO BELTR\u00c1N SIERRA, en ejercicio de sus competencias constitucionales y legales, en particular las previstas ...<br \/><div class=\"pt-cv-rmwrap\"><a href=\"https:\/\/www.dmsjuridica.com\/buscador_20179478954\/corteconstitucionalcronologico202454587\/t-582-04\/\" class=\"_self pt-cv-readmore btn btn-success\" target=\"_self\">Ver Sentencia Completa...<\/a><\/div><\/div><\/div><\/div>\n<div class=\"col-md-12 col-sm-12 col-xs-12 pt-cv-content-item pt-cv-1-col\" ><div class='pt-cv-ifield'><a href=\"https:\/\/www.dmsjuridica.com\/buscador_20179478954\/corteconstitucionalcronologico202454587\/t-581-04\/\" class=\"_self pt-cv-href-thumbnail pt-cv-thumb-default\" target=\"_self\" ><\/a>\n<div class=\"pt-cv-taxoterm above_title\"><a href='https:\/\/www.dmsjuridica.com\/buscador_20179478954\/corteconstitucionalcronologico202454587\/category\/buscar-en-toda-la-corte\/2004\/tutelas-2004\/' title='Tutelas 2004' class='pt-cv-tax-tutelas-2004'>Tutelas 2004<\/a><\/div>\n<h4 class=\"pt-cv-title\"><a href=\"https:\/\/www.dmsjuridica.com\/buscador_20179478954\/corteconstitucionalcronologico202454587\/t-581-04\/\" class=\"_self\" target=\"_self\" >T-581-04<\/a><\/h4>\n<div class=\"pt-cv-content\">\u00a0 \u00a0 Sentencia T-581\/04 \u00a0 DEBIDO PROCESO JUDICIAL Y ADMINISTRATIVO \u00a0 DEBIDO PROCESO ADMINISTRATIVO-Fundamental \u00a0 ACTO ADMINISTRATIVO-Notificaci\u00f3n \u00a0 ACTO ADMINISTRATIVO INDIVIDUAL-No produce efectos jur\u00eddicos mientras no sea notificado \u00a0 DERECHO A LA SALUD-Fundamental por conexidad con la vida \u00a0 ESTADO-Asistencia a personas que prestan el servicio militar \u00a0 SERVICIO MILITAR-Responsabilidad del Estado en atenci\u00f3n de salud \u00a0 SERVICIO MILITAR-Atenci\u00f3n m\u00e9dica de quien adquiere enfermedad durante su prestaci\u00f3n\/DERECHO A LA SALUD-Continuidad atenci\u00f3n m\u00e9dica por adquirir incapacidad durante el servicio militar \u00a0 DEBIDO PROCESO ADMINISTRATIVO-Vulneraci\u00f3n por cuanto no se le notific\u00f3 el acto administrativo de retiro de la instituci\u00f3n \u00a0 En el ...<br \/><div class=\"pt-cv-rmwrap\"><a href=\"https:\/\/www.dmsjuridica.com\/buscador_20179478954\/corteconstitucionalcronologico202454587\/t-581-04\/\" class=\"_self pt-cv-readmore btn btn-success\" target=\"_self\">Ver Sentencia Completa...<\/a><\/div><\/div><\/div><\/div>\n<div class=\"col-md-12 col-sm-12 col-xs-12 pt-cv-content-item pt-cv-1-col\" ><div class='pt-cv-ifield'><a href=\"https:\/\/www.dmsjuridica.com\/buscador_20179478954\/corteconstitucionalcronologico202454587\/t-580-04\/\" class=\"_self pt-cv-href-thumbnail pt-cv-thumb-default\" target=\"_self\" ><\/a>\n<div class=\"pt-cv-taxoterm above_title\"><a href='https:\/\/www.dmsjuridica.com\/buscador_20179478954\/corteconstitucionalcronologico202454587\/category\/buscar-en-toda-la-corte\/2004\/tutelas-2004\/' title='Tutelas 2004' class='pt-cv-tax-tutelas-2004'>Tutelas 2004<\/a><\/div>\n<h4 class=\"pt-cv-title\"><a href=\"https:\/\/www.dmsjuridica.com\/buscador_20179478954\/corteconstitucionalcronologico202454587\/t-580-04\/\" class=\"_self\" target=\"_self\" >T-580-04<\/a><\/h4>\n<div class=\"pt-cv-content\">\u00a0 \u00a0 Sentencia T-580\/04 \u00a0 DEBIDO PROCESO-Cumplimiento de sentencias \u00a0 PRESUNCION DE VERACIDAD-Demandado no rinde informe solicitado por el juez \u00a0 ACCION DE TUTELA-Cumplimiento de sentencias sobre inclusi\u00f3n en n\u00f3mina de pensionados \u00a0 \u00a0 Referencia: expediente T-858330 \u00a0 Acci\u00f3n de tutela instaurada por Mar\u00eda Olga Valencia de R\u00edos contra el seguro social EPS. \u00a0 Magistrado Ponente: \u00a0 Dra. CLARA INES VARGAS HERNANDEZ \u00a0 Bogot\u00e1, D.C., diez (10) de junio de dos mil cuatro (2004)\u00a0 \u00a0 La Sala Novena de Revisi\u00f3n de la Corte Constitucional, integrada por los Magistrados CLARA IN\u00c9S VARGAS HERN\u00c1NDEZ, JAIME ARA\u00daJO RENTER\u00cdA y ALFREDO BELTR\u00c1N SIERRA, en ...<br \/><div class=\"pt-cv-rmwrap\"><a href=\"https:\/\/www.dmsjuridica.com\/buscador_20179478954\/corteconstitucionalcronologico202454587\/t-580-04\/\" class=\"_self pt-cv-readmore btn btn-success\" target=\"_self\">Ver Sentencia Completa...<\/a><\/div><\/div><\/div><\/div>\n<div class=\"col-md-12 col-sm-12 col-xs-12 pt-cv-content-item pt-cv-1-col\" ><div class='pt-cv-ifield'><a href=\"https:\/\/www.dmsjuridica.com\/buscador_20179478954\/corteconstitucionalcronologico202454587\/t-579-04\/\" class=\"_self pt-cv-href-thumbnail pt-cv-thumb-default\" target=\"_self\" ><\/a>\n<div class=\"pt-cv-taxoterm above_title\"><a href='https:\/\/www.dmsjuridica.com\/buscador_20179478954\/corteconstitucionalcronologico202454587\/category\/buscar-en-toda-la-corte\/2004\/tutelas-2004\/' title='Tutelas 2004' class='pt-cv-tax-tutelas-2004'>Tutelas 2004<\/a><\/div>\n<h4 class=\"pt-cv-title\"><a href=\"https:\/\/www.dmsjuridica.com\/buscador_20179478954\/corteconstitucionalcronologico202454587\/t-579-04\/\" class=\"_self\" target=\"_self\" >T-579-04<\/a><\/h4>\n<div class=\"pt-cv-content\">\u00a0 \u00a0 Sentencia T-579\/04 \u00a0 REGIMEN CONTRIBUTIVO DE SEGURIDAD SOCIAL EN SALUD-Alcance\/REGIMEN SUBSIDIADO DE SEGURIDAD SOCIAL EN SALUD-Alcance \u00a0 SISBEN-Objeto \u00a0 SISBEN-Regulaci\u00f3n ineficiente para detectar a las personas pobres \u00a0 HABEAS DATA ADMINISTRATIVO EN PROGRAMA DEL SISBEN-Actualizaci\u00f3n e inclusi\u00f3n de datos \u00a0 DERECHO A LA SALUD-Fundamental por conexidad con la vida \u00a0 INAPLICACION DE NORMAS DEL PLAN OBLIGATORIO DE SALUD-Casos en que procede por exclusi\u00f3n de tratamientos y medicamentos de alto costo \u00a0 ACCION DE TUTELA-Hecho superado por haberse realizado nueva encuesta de reclasificaci\u00f3n en el SISBEN \u00a0 INTEGRACION DEL CONTRADICTORIO-Deber del juez de tutela \u00a0 SECRETARIA DE SALUD-Gestiones para ...<br \/><div class=\"pt-cv-rmwrap\"><a href=\"https:\/\/www.dmsjuridica.com\/buscador_20179478954\/corteconstitucionalcronologico202454587\/t-579-04\/\" class=\"_self pt-cv-readmore btn btn-success\" target=\"_self\">Ver Sentencia Completa...<\/a><\/div><\/div><\/div><\/div>\n<div class=\"col-md-12 col-sm-12 col-xs-12 pt-cv-content-item pt-cv-1-col\" ><div class='pt-cv-ifield'><a href=\"https:\/\/www.dmsjuridica.com\/buscador_20179478954\/corteconstitucionalcronologico202454587\/t-567-04\/\" class=\"_self pt-cv-href-thumbnail pt-cv-thumb-default\" target=\"_self\" ><\/a>\n<div class=\"pt-cv-taxoterm above_title\"><a href='https:\/\/www.dmsjuridica.com\/buscador_20179478954\/corteconstitucionalcronologico202454587\/category\/buscar-en-toda-la-corte\/2004\/tutelas-2004\/' title='Tutelas 2004' class='pt-cv-tax-tutelas-2004'>Tutelas 2004<\/a><\/div>\n<h4 class=\"pt-cv-title\"><a href=\"https:\/\/www.dmsjuridica.com\/buscador_20179478954\/corteconstitucionalcronologico202454587\/t-567-04\/\" class=\"_self\" target=\"_self\" >T-567-04<\/a><\/h4>\n<div class=\"pt-cv-content\">\u00a0 \u00a0 Sentencia T-567\/04 \u00a0 ACCION DE TUTELA-Procedencia excepcional pago de acreencias laborales\/ACCION DE TUTELA-Requisitos para el pago de acreencias laborales \u00a0 ACCION DE TUTELA-Inmediatez\/ACCION DE TUTELA-T\u00e9rmino razonable de presentaci\u00f3n \u00a0 DERECHO AL MINIMO VITAL DEL TRABAJADOR-Procedencia de tutela respecto a salarios adeudados del 2003 pero no los de 1999 a 2002 \u00a0 ENTIDAD HOSPITALARIA-Pago de salarios si hubiere disponibilidad presupuestal \u00a0 PARTIDA PRESUPUESTAL-Gesti\u00f3n y distribuci\u00f3n para pago oportuno de salarios \u00a0 EMPLEADOR-Asunci\u00f3n de responsabilidad por mora en aportes a seguridad social \u00a0 Reiteraci\u00f3n de Jurisprudencia \u00a0 Referencia: expedientes T-864282 y T-864377 \u00a0 Acciones de tutela instauradas por Lorenza Pianeta ...<br \/><div class=\"pt-cv-rmwrap\"><a href=\"https:\/\/www.dmsjuridica.com\/buscador_20179478954\/corteconstitucionalcronologico202454587\/t-567-04\/\" class=\"_self pt-cv-readmore btn btn-success\" target=\"_self\">Ver Sentencia Completa...<\/a><\/div><\/div><\/div><\/div>\n<div class=\"col-md-12 col-sm-12 col-xs-12 pt-cv-content-item pt-cv-1-col\" ><div class='pt-cv-ifield'><a href=\"https:\/\/www.dmsjuridica.com\/buscador_20179478954\/corteconstitucionalcronologico202454587\/t-566-04\/\" class=\"_self pt-cv-href-thumbnail pt-cv-thumb-default\" target=\"_self\" ><\/a>\n<div class=\"pt-cv-taxoterm above_title\"><a href='https:\/\/www.dmsjuridica.com\/buscador_20179478954\/corteconstitucionalcronologico202454587\/category\/buscar-en-toda-la-corte\/2004\/tutelas-2004\/' title='Tutelas 2004' class='pt-cv-tax-tutelas-2004'>Tutelas 2004<\/a><\/div>\n<h4 class=\"pt-cv-title\"><a href=\"https:\/\/www.dmsjuridica.com\/buscador_20179478954\/corteconstitucionalcronologico202454587\/t-566-04\/\" class=\"_self\" target=\"_self\" >T-566-04<\/a><\/h4>\n<div class=\"pt-cv-content\">\u00a0 \u00a0 Sentencia T-566\/04 \u00a0 SISTEMA DE SEGURIDAD SOCIAL EN SALUD-Mala prestaci\u00f3n o suspensi\u00f3n del servicio permiten a usuarios con tratamiento de alto costo cambiar de EPS o ARS\/DERECHO A LA SALUD Y VIDA DE ENFERMO DE SIDA-Traslado de EPS por mala prestaci\u00f3n del servicio \u00a0 SISTEMA DE SEGURIDAD SOCIAL EN SALUD-Cuando hay mala prestaci\u00f3n del servicio por la entidad, las EPS o ARS deben aceptar la solicitud de traslado del afiliado \u00a0 Reiteraci\u00f3n de Jurisprudencia \u00a0 Referencia: expediente T-855478 \u00a0 Acci\u00f3n de tutela instaurada por Erwin Antonio Licona Calpe contra Compensar EPS\u00a0 \u00a0 Magistrado Ponente: \u00a0 Dr. MANUEL JOS\u00c9 ...<br \/><div class=\"pt-cv-rmwrap\"><a href=\"https:\/\/www.dmsjuridica.com\/buscador_20179478954\/corteconstitucionalcronologico202454587\/t-566-04\/\" class=\"_self pt-cv-readmore btn btn-success\" target=\"_self\">Ver Sentencia Completa...<\/a><\/div><\/div><\/div><\/div>\n<div class=\"col-md-12 col-sm-12 col-xs-12 pt-cv-content-item pt-cv-1-col\" ><div class='pt-cv-ifield'><a href=\"https:\/\/www.dmsjuridica.com\/buscador_20179478954\/corteconstitucionalcronologico202454587\/t-565-04\/\" class=\"_self pt-cv-href-thumbnail pt-cv-thumb-default\" target=\"_self\" ><\/a>\n<div class=\"pt-cv-taxoterm above_title\"><a href='https:\/\/www.dmsjuridica.com\/buscador_20179478954\/corteconstitucionalcronologico202454587\/category\/buscar-en-toda-la-corte\/2004\/tutelas-2004\/' title='Tutelas 2004' class='pt-cv-tax-tutelas-2004'>Tutelas 2004<\/a><\/div>\n<h4 class=\"pt-cv-title\"><a href=\"https:\/\/www.dmsjuridica.com\/buscador_20179478954\/corteconstitucionalcronologico202454587\/t-565-04\/\" class=\"_self\" target=\"_self\" >T-565-04<\/a><\/h4>\n<div class=\"pt-cv-content\">\u00a0 \u00a0 Sentencia T-565\/04 \u00a0 HABEAS DATA-Alcance \u00a0 BASE DE DATOS-Informaci\u00f3n exclusiva sobre actividad comercial y financiera\/BANCO DE DATOS-Veracidad y exactitud de la informaci\u00f3n \u00a0 CADUCIDAD DEL DATO-L\u00edmite temporal\/BANCO DE DATOS-L\u00edmite temporal de datos negativos \u00a0 BANCO DE DATOS-Mantenimiento del reporte por el tiempo equivalente al doble del per\u00edodo que dur\u00f3 la mora\/BANCO DE DATOS-Actualizaci\u00f3n de registros \u00a0 Resulta claro que, para la fecha de interposici\u00f3n de la tutela, hab\u00eda transcurrido un t\u00e9rmino inferior al de duraci\u00f3n de la mora, que fue menor a un a\u00f1o. Por lo tanto, Datacr\u00e9dito pod\u00eda mantener al actor en su reporte de datos durante ...<br \/><div class=\"pt-cv-rmwrap\"><a href=\"https:\/\/www.dmsjuridica.com\/buscador_20179478954\/corteconstitucionalcronologico202454587\/t-565-04\/\" class=\"_self pt-cv-readmore btn btn-success\" target=\"_self\">Ver Sentencia Completa...<\/a><\/div><\/div><\/div><\/div>\n<div class=\"col-md-12 col-sm-12 col-xs-12 pt-cv-content-item pt-cv-1-col\" ><div class='pt-cv-ifield'><a href=\"https:\/\/www.dmsjuridica.com\/buscador_20179478954\/corteconstitucionalcronologico202454587\/t-564-04\/\" class=\"_self pt-cv-href-thumbnail pt-cv-thumb-default\" target=\"_self\" ><\/a>\n<div class=\"pt-cv-taxoterm above_title\"><a href='https:\/\/www.dmsjuridica.com\/buscador_20179478954\/corteconstitucionalcronologico202454587\/category\/buscar-en-toda-la-corte\/2004\/tutelas-2004\/' title='Tutelas 2004' class='pt-cv-tax-tutelas-2004'>Tutelas 2004<\/a><\/div>\n<h4 class=\"pt-cv-title\"><a href=\"https:\/\/www.dmsjuridica.com\/buscador_20179478954\/corteconstitucionalcronologico202454587\/t-564-04\/\" class=\"_self\" target=\"_self\" >T-564-04<\/a><\/h4>\n<div class=\"pt-cv-content\">\u00a0 \u00a0 Sentencia T-564\/04 \u00a0 DERECHO A LA SALUD-Conexidad con la vida \u00a0 SISBEN-Regulaci\u00f3n ineficiente y contraria al orden p\u00fablico de la salud\/SISBEN-Regulaci\u00f3n ineficiente para detectar a las personas pobres \u00a0 SISBEN-No existe claridad en el nivel de pobreza al que pertenece la accionante \u00a0 SISBEN-Errores en el sistema de selecci\u00f3n de beneficiarios no puede constituir una carga para ellos \u00a0 Los constantes errores existentes en el sistema de selecci\u00f3n de beneficiarios - Sisben, no puede constituirse en una carga para el supuesto beneficiario; precisamente, si una persona se encuentra incluida en este r\u00e9gimen, es porque carece de recursos econ\u00f3micos ...<br \/><div class=\"pt-cv-rmwrap\"><a href=\"https:\/\/www.dmsjuridica.com\/buscador_20179478954\/corteconstitucionalcronologico202454587\/t-564-04\/\" class=\"_self pt-cv-readmore btn btn-success\" target=\"_self\">Ver Sentencia Completa...<\/a><\/div><\/div><\/div><\/div>\n<div class=\"col-md-12 col-sm-12 col-xs-12 pt-cv-content-item pt-cv-1-col\" ><div class='pt-cv-ifield'><a href=\"https:\/\/www.dmsjuridica.com\/buscador_20179478954\/corteconstitucionalcronologico202454587\/t-563-04\/\" class=\"_self pt-cv-href-thumbnail pt-cv-thumb-default\" target=\"_self\" ><\/a>\n<div class=\"pt-cv-taxoterm above_title\"><a href='https:\/\/www.dmsjuridica.com\/buscador_20179478954\/corteconstitucionalcronologico202454587\/category\/buscar-en-toda-la-corte\/2004\/tutelas-2004\/' title='Tutelas 2004' class='pt-cv-tax-tutelas-2004'>Tutelas 2004<\/a><\/div>\n<h4 class=\"pt-cv-title\"><a href=\"https:\/\/www.dmsjuridica.com\/buscador_20179478954\/corteconstitucionalcronologico202454587\/t-563-04\/\" class=\"_self\" target=\"_self\" >T-563-04<\/a><\/h4>\n<div class=\"pt-cv-content\">\u00a0 \u00a0 Sentencia T-563\/04 \u00a0 MANDANTE Y MANDATARIO JUDICIAL-Diferencias \u00a0 Las partes en ese proceso eran los demandantes y la Naci\u00f3n. Son ellas, en consecuencia, quienes tienen legitimaci\u00f3n para actuar en el proceso y para impugnar las providencias judiciales. No puede confundirse en ning\u00fan caso, a la parte con el apoderado que act\u00faa simplemente como su representante en virtud del mandato a \u00e9l conferido. Por ello, cuando se adopta por el juzgador una decisi\u00f3n y se impugna, no es el apoderado quien jur\u00eddicamente combate la providencia, sino la parte que el representa. El agravio que la providencia irroga, no lo ...<br \/><div class=\"pt-cv-rmwrap\"><a href=\"https:\/\/www.dmsjuridica.com\/buscador_20179478954\/corteconstitucionalcronologico202454587\/t-563-04\/\" class=\"_self pt-cv-readmore btn btn-success\" target=\"_self\">Ver Sentencia Completa...<\/a><\/div><\/div><\/div><\/div>\n<div class=\"col-md-12 col-sm-12 col-xs-12 pt-cv-content-item pt-cv-1-col\" ><div class='pt-cv-ifield'><a href=\"https:\/\/www.dmsjuridica.com\/buscador_20179478954\/corteconstitucionalcronologico202454587\/t-556-04\/\" class=\"_self pt-cv-href-thumbnail pt-cv-thumb-default\" target=\"_self\" ><\/a>\n<div class=\"pt-cv-taxoterm above_title\"><a href='https:\/\/www.dmsjuridica.com\/buscador_20179478954\/corteconstitucionalcronologico202454587\/category\/buscar-en-toda-la-corte\/2004\/tutelas-2004\/' title='Tutelas 2004' class='pt-cv-tax-tutelas-2004'>Tutelas 2004<\/a><\/div>\n<h4 class=\"pt-cv-title\"><a href=\"https:\/\/www.dmsjuridica.com\/buscador_20179478954\/corteconstitucionalcronologico202454587\/t-556-04\/\" class=\"_self\" target=\"_self\" >T-556-04<\/a><\/h4>\n<div class=\"pt-cv-content\">\u00a0 \u00a0 Sentencia T-556\/04 \u00a0 ACCION DE TUTELA-Procedencia excepcional pago de acreencias laborales \u00a0 PERSONA DE LA TERCERA EDAD-Su sola condici\u00f3n no es raz\u00f3n suficiente para que proceda la tutela\/ACCION DE TUTELA-Persona de la tercera edad debe demostrar perjuicio irremediable \u00a0 ACCION DE TUTELA-Requisitos para el pago de acreencias laborales \u00a0 DERECHO AL MINIMO VITAL-No se vulnera por reducci\u00f3n de la mesada pensional \u00a0 La accionante tiene como ingreso familiar y personal una pensi\u00f3n que para el mes de mayo de 2002, correspond\u00eda a un monto de $ 5.749.156.73 pesos, el cual se vi\u00f3 disminuido en una cuant\u00eda de $ ...<br \/><div class=\"pt-cv-rmwrap\"><a href=\"https:\/\/www.dmsjuridica.com\/buscador_20179478954\/corteconstitucionalcronologico202454587\/t-556-04\/\" class=\"_self pt-cv-readmore btn btn-success\" target=\"_self\">Ver Sentencia Completa...<\/a><\/div><\/div><\/div><\/div>\n<div class=\"col-md-12 col-sm-12 col-xs-12 pt-cv-content-item pt-cv-1-col\" ><div class='pt-cv-ifield'><a href=\"https:\/\/www.dmsjuridica.com\/buscador_20179478954\/corteconstitucionalcronologico202454587\/t-555-04\/\" class=\"_self pt-cv-href-thumbnail pt-cv-thumb-default\" target=\"_self\" ><\/a>\n<div class=\"pt-cv-taxoterm above_title\"><a href='https:\/\/www.dmsjuridica.com\/buscador_20179478954\/corteconstitucionalcronologico202454587\/category\/buscar-en-toda-la-corte\/2004\/tutelas-2004\/' title='Tutelas 2004' class='pt-cv-tax-tutelas-2004'>Tutelas 2004<\/a><\/div>\n<h4 class=\"pt-cv-title\"><a href=\"https:\/\/www.dmsjuridica.com\/buscador_20179478954\/corteconstitucionalcronologico202454587\/t-555-04\/\" class=\"_self\" target=\"_self\" >T-555-04<\/a><\/h4>\n<div class=\"pt-cv-content\">\u00a0 \u00a0 Sentencia T-555\/04 \u00a0 ACCION DE TUTELA-Subsidiariedad \u00a0 ACCION DE TUTELA-Improcedencia por existir medio de defensa judicial eficaz \u00a0 PROCESO EJECUTIVO-No se ha proferido decisi\u00f3n final sobre existencia y validez del t\u00edtulo ejecutivo \u00a0 ACCION DE TUTELA TRANSITORIA-Inexistencia de perjuicio irremediable \u00a0 Referencia: expediente T-837604 \u00a0 Acci\u00f3n de tutela instaurada por el Departamento del Quind\u00edo contra la Juez Primero Laboral del Circuito de Armenia \u00a0 Magistrado Ponente: \u00a0 Dr. JAIME ARA\u00daJO RENTER\u00cdA \u00a0 Bogot\u00e1, D.C., primero (1\u00b0) de junio de dos mil cuatro (2004). \u00a0 La Sala Primera de Revisi\u00f3n de la Corte Constitucional, integrada por los magistrados JAIME ...<br \/><div class=\"pt-cv-rmwrap\"><a href=\"https:\/\/www.dmsjuridica.com\/buscador_20179478954\/corteconstitucionalcronologico202454587\/t-555-04\/\" class=\"_self pt-cv-readmore btn btn-success\" target=\"_self\">Ver Sentencia Completa...<\/a><\/div><\/div><\/div><\/div>\n<div class=\"col-md-12 col-sm-12 col-xs-12 pt-cv-content-item pt-cv-1-col\" ><div class='pt-cv-ifield'><a href=\"https:\/\/www.dmsjuridica.com\/buscador_20179478954\/corteconstitucionalcronologico202454587\/t-554-04\/\" class=\"_self pt-cv-href-thumbnail pt-cv-thumb-default\" target=\"_self\" ><\/a>\n<div class=\"pt-cv-taxoterm above_title\"><a href='https:\/\/www.dmsjuridica.com\/buscador_20179478954\/corteconstitucionalcronologico202454587\/category\/buscar-en-toda-la-corte\/2004\/tutelas-2004\/' title='Tutelas 2004' class='pt-cv-tax-tutelas-2004'>Tutelas 2004<\/a><\/div>\n<h4 class=\"pt-cv-title\"><a href=\"https:\/\/www.dmsjuridica.com\/buscador_20179478954\/corteconstitucionalcronologico202454587\/t-554-04\/\" class=\"_self\" target=\"_self\" >T-554-04<\/a><\/h4>\n<div class=\"pt-cv-content\">\u00a0 \u00a0 Sentencia T-554\/04 \u00a0 ACCION DE TUTELA-Procedencia excepcional pago de acreencias laborales \u00a0 ACCION DE TUTELA-Improcedencia pago de cesant\u00edas \u00a0 Por regla general la acci\u00f3n de tutela no procede para el pago de cesant\u00edas, ni parciales ni totales. Frente a las primeras, porque se mantiene el v\u00ednculo laboral y en consecuencia el beneficiario de ellas contin\u00faa recibiendo el salario para atender sus necesidades b\u00e1sicas; frente a las segundas, porque ha terminado dicho v\u00ednculo. \u00a0 DERECHO AL MINIMO VITAL DEL TRABAJADOR-No afectaci\u00f3n por no pago de cesant\u00edas \u00a0 Referencia: expediente T-849541 \u00a0 Acci\u00f3n de tutela instaurada por Miguel Angel Jim\u00e9nez ...<br \/><div class=\"pt-cv-rmwrap\"><a href=\"https:\/\/www.dmsjuridica.com\/buscador_20179478954\/corteconstitucionalcronologico202454587\/t-554-04\/\" class=\"_self pt-cv-readmore btn btn-success\" target=\"_self\">Ver Sentencia Completa...<\/a><\/div><\/div><\/div><\/div>\n<div class=\"col-md-12 col-sm-12 col-xs-12 pt-cv-content-item pt-cv-1-col\" ><div class='pt-cv-ifield'><a href=\"https:\/\/www.dmsjuridica.com\/buscador_20179478954\/corteconstitucionalcronologico202454587\/t-553-04\/\" class=\"_self pt-cv-href-thumbnail pt-cv-thumb-default\" target=\"_self\" ><\/a>\n<div class=\"pt-cv-taxoterm above_title\"><a href='https:\/\/www.dmsjuridica.com\/buscador_20179478954\/corteconstitucionalcronologico202454587\/category\/buscar-en-toda-la-corte\/2004\/tutelas-2004\/' title='Tutelas 2004' class='pt-cv-tax-tutelas-2004'>Tutelas 2004<\/a><\/div>\n<h4 class=\"pt-cv-title\"><a href=\"https:\/\/www.dmsjuridica.com\/buscador_20179478954\/corteconstitucionalcronologico202454587\/t-553-04\/\" class=\"_self\" target=\"_self\" >T-553-04<\/a><\/h4>\n<div class=\"pt-cv-content\">\u00a0 \u00a0 Sentencia T-553\/04 \u00a0 PRESUNCION DE VERACIDAD-Demandado no rinde informe solicitado por el juez \u00a0 ACCION DE TUTELA-Hecho superado por inclusi\u00f3n en n\u00f3mina para devengar pensi\u00f3n de invalidez \u00a0 ACCION DE TUTELA PARA CUMPLIMIENTO DE SENTENCIAS-Inclusi\u00f3n en n\u00f3mina de pensionados \u00a0 ACCION DE TUTELA-Procedencia excepcional para cumplimiento de sentencias que generen obligaciones de dar \u00a0 CUMPLIMIENTO DE SENTENCIAS JUDICIALES-Es un imperativo del Estado Social de Derecho \u00a0 Reiteraci\u00f3n de Jurisprudencia \u00a0 Referencia: expediente T-867045 \u00a0 Acci\u00f3n de tutela instaurada por Arturo Rafael Ruiz Lugo contra el Seguro Social, Seccional Medell\u00edn.\u00a0 \u00a0 Magistrado Ponente: \u00a0 Bogot\u00e1, D.C., primero (1\u00b0) de ...<br \/><div class=\"pt-cv-rmwrap\"><a href=\"https:\/\/www.dmsjuridica.com\/buscador_20179478954\/corteconstitucionalcronologico202454587\/t-553-04\/\" class=\"_self pt-cv-readmore btn btn-success\" target=\"_self\">Ver Sentencia Completa...<\/a><\/div><\/div><\/div><\/div>\n<div class=\"col-md-12 col-sm-12 col-xs-12 pt-cv-content-item pt-cv-1-col\" ><div class='pt-cv-ifield'><a href=\"https:\/\/www.dmsjuridica.com\/buscador_20179478954\/corteconstitucionalcronologico202454587\/t-552-04\/\" class=\"_self pt-cv-href-thumbnail pt-cv-thumb-default\" target=\"_self\" ><\/a>\n<div class=\"pt-cv-taxoterm above_title\"><a href='https:\/\/www.dmsjuridica.com\/buscador_20179478954\/corteconstitucionalcronologico202454587\/category\/buscar-en-toda-la-corte\/2004\/tutelas-2004\/' title='Tutelas 2004' class='pt-cv-tax-tutelas-2004'>Tutelas 2004<\/a><\/div>\n<h4 class=\"pt-cv-title\"><a href=\"https:\/\/www.dmsjuridica.com\/buscador_20179478954\/corteconstitucionalcronologico202454587\/t-552-04\/\" class=\"_self\" target=\"_self\" >T-552-04<\/a><\/h4>\n<div class=\"pt-cv-content\">\u00a0 \u00a0 Sentencia T-552\/04 \u00a0 ACCION DE TUTELA-Procedencia excepcional pago de acreencias laborales \u00a0 DERECHO AL MINIMO VITAL DEL TRABAJADOR-Pago oportuno de salarios \u00a0 EMPLEADOR-Situaci\u00f3n econ\u00f3mica o presupuestal no es \u00f3bice para desconocer pago de salarios \u00a0 ACCION DE TUTELA-Hecho superado por pago de salarios \u00a0 Reiteraci\u00f3n de Jurisprudencia \u00a0 Referencia: expediente T-851283 \u00a0 Acci\u00f3n de tutela instaurada por la ciudadana Mar\u00eda Consuelo Guar\u00edn R\u00edos contra Alcald\u00eda Distrital \u2013 Secretar\u00eda de Hacienda Distrital y la Personer\u00eda Distrital de Barranquilla- Atl\u00e1ntica. \u00a0 Magistrado Ponente \u00a0 Dr. JAIME ARA\u00daJO RENTER\u00cdA\u00a0 \u00a0 Bogot\u00e1, D.C., primero (1\u00b0) de junio de dos mil cuatro (2004) ...<br \/><div class=\"pt-cv-rmwrap\"><a href=\"https:\/\/www.dmsjuridica.com\/buscador_20179478954\/corteconstitucionalcronologico202454587\/t-552-04\/\" class=\"_self pt-cv-readmore btn btn-success\" target=\"_self\">Ver Sentencia Completa...<\/a><\/div><\/div><\/div><\/div>\n<div class=\"col-md-12 col-sm-12 col-xs-12 pt-cv-content-item pt-cv-1-col\" ><div class='pt-cv-ifield'><a href=\"https:\/\/www.dmsjuridica.com\/buscador_20179478954\/corteconstitucionalcronologico202454587\/t-551-04\/\" class=\"_self pt-cv-href-thumbnail pt-cv-thumb-default\" target=\"_self\" ><\/a>\n<div class=\"pt-cv-taxoterm above_title\"><a href='https:\/\/www.dmsjuridica.com\/buscador_20179478954\/corteconstitucionalcronologico202454587\/category\/buscar-en-toda-la-corte\/2004\/tutelas-2004\/' title='Tutelas 2004' class='pt-cv-tax-tutelas-2004'>Tutelas 2004<\/a><\/div>\n<h4 class=\"pt-cv-title\"><a href=\"https:\/\/www.dmsjuridica.com\/buscador_20179478954\/corteconstitucionalcronologico202454587\/t-551-04\/\" class=\"_self\" target=\"_self\" >T-551-04<\/a><\/h4>\n<div class=\"pt-cv-content\">\u00a0 \u00a0 Sentencia T-551\/04 \u00a0 DESCANSO REMUNERADO-Pago de empleada que dio a luz a una beb\u00e9 sin vida \u00a0 La jurisprudencia constitucional, siguiendo fielmente lo establecido en el art\u00edculo 86 de la Constituci\u00f3n y en las dem\u00e1s normas que regulan la acci\u00f3n de tutela, ha establecido que el pago de acreencias laborales, dentro de las que se incluyen los descansos remunerados en la \u00e9poca del parto, o en caso de aborto, o de parto prematuro no viable, a los que hace referencia el caso objeto de estudio, s\u00f3lo es procedente mediante la acci\u00f3n de tutela, cuando se est\u00e9 vulnerando o ...<br \/><div class=\"pt-cv-rmwrap\"><a href=\"https:\/\/www.dmsjuridica.com\/buscador_20179478954\/corteconstitucionalcronologico202454587\/t-551-04\/\" class=\"_self pt-cv-readmore btn btn-success\" target=\"_self\">Ver Sentencia Completa...<\/a><\/div><\/div><\/div><\/div>\n<div class=\"col-md-12 col-sm-12 col-xs-12 pt-cv-content-item pt-cv-1-col\" ><div class='pt-cv-ifield'><a href=\"https:\/\/www.dmsjuridica.com\/buscador_20179478954\/corteconstitucionalcronologico202454587\/t-550-04\/\" class=\"_self pt-cv-href-thumbnail pt-cv-thumb-default\" target=\"_self\" ><\/a>\n<div class=\"pt-cv-taxoterm above_title\"><a href='https:\/\/www.dmsjuridica.com\/buscador_20179478954\/corteconstitucionalcronologico202454587\/category\/buscar-en-toda-la-corte\/2004\/tutelas-2004\/' title='Tutelas 2004' class='pt-cv-tax-tutelas-2004'>Tutelas 2004<\/a><\/div>\n<h4 class=\"pt-cv-title\"><a href=\"https:\/\/www.dmsjuridica.com\/buscador_20179478954\/corteconstitucionalcronologico202454587\/t-550-04\/\" class=\"_self\" target=\"_self\" >T-550-04<\/a><\/h4>\n<div class=\"pt-cv-content\">\u00a0 \u00a0 Sentencia T-550\/04 \u00a0 DERECHO A LA ESTABILIDAD LABORAL REFORZADA DE MUJER EMBARAZADA-Despido en uso de incapacidad laboral \u00a0 Su empleador al reconocer la incapacidad, tambi\u00e9n enter\u00f3 del motivo de la misma: en los res\u00famenes m\u00e9dicos se lee claramente que se trataba de un embarazo de 10.5 semanas con amenaza de aborto que exig\u00eda hospitalizaci\u00f3n de un mes y tanto la Cooperativa como el Hospital de Guaduas conocieron estas circunstancias al examinar las razones de su licencia m\u00e9dica. En consecuencia, la Corte mantiene su jurisprudencia seg\u00fan la cual no se exige como requisito para la protecci\u00f3n constitucional del derecho ...<br \/><div class=\"pt-cv-rmwrap\"><a href=\"https:\/\/www.dmsjuridica.com\/buscador_20179478954\/corteconstitucionalcronologico202454587\/t-550-04\/\" class=\"_self pt-cv-readmore btn btn-success\" target=\"_self\">Ver Sentencia Completa...<\/a><\/div><\/div><\/div><\/div>\n<div class=\"col-md-12 col-sm-12 col-xs-12 pt-cv-content-item pt-cv-1-col\" ><div class='pt-cv-ifield'><a href=\"https:\/\/www.dmsjuridica.com\/buscador_20179478954\/corteconstitucionalcronologico202454587\/t-549-04\/\" class=\"_self pt-cv-href-thumbnail pt-cv-thumb-default\" target=\"_self\" ><\/a>\n<div class=\"pt-cv-taxoterm above_title\"><a href='https:\/\/www.dmsjuridica.com\/buscador_20179478954\/corteconstitucionalcronologico202454587\/category\/buscar-en-toda-la-corte\/2004\/tutelas-2004\/' title='Tutelas 2004' class='pt-cv-tax-tutelas-2004'>Tutelas 2004<\/a><\/div>\n<h4 class=\"pt-cv-title\"><a href=\"https:\/\/www.dmsjuridica.com\/buscador_20179478954\/corteconstitucionalcronologico202454587\/t-549-04\/\" class=\"_self\" target=\"_self\" >T-549-04<\/a><\/h4>\n<div class=\"pt-cv-content\">\u00a0 \u00a0 Sentencia T-549\/04 \u00a0 DERECHO A LA SALUD-Pr\u00e1ctica de examen exclu\u00eddo del POS\/DERECHO A LA SALUD EN REGIMEN SUBSIDIADO DE SALUD-Pr\u00e1ctica de examen \u00a0 En efecto, la jurisprudencia constitucional ha se\u00f1alado que las personas afiliadas al r\u00e9gimen subsidiado en salud tienen el derecho a que las entidades encargadas de garantizarles el acceso a los servicios de salud, aseguren la pr\u00e1ctica de aquellos ex\u00e1menes diagn\u00f3sticos que sean necesarios para confirmar que el paciente padece una patolog\u00eda que est\u00e1 cubierta por el sistema o que comprometa su vida o su integridad. \u00a0 Reiteraci\u00f3n de Jurisprudencia \u00a0 Referencia: expediente T-848119 \u00a0 Acci\u00f3n ...<br \/><div class=\"pt-cv-rmwrap\"><a href=\"https:\/\/www.dmsjuridica.com\/buscador_20179478954\/corteconstitucionalcronologico202454587\/t-549-04\/\" class=\"_self pt-cv-readmore btn btn-success\" target=\"_self\">Ver Sentencia Completa...<\/a><\/div><\/div><\/div><\/div>\n<div class=\"col-md-12 col-sm-12 col-xs-12 pt-cv-content-item pt-cv-1-col\" ><div class='pt-cv-ifield'><a href=\"https:\/\/www.dmsjuridica.com\/buscador_20179478954\/corteconstitucionalcronologico202454587\/t-548-04\/\" class=\"_self pt-cv-href-thumbnail pt-cv-thumb-default\" target=\"_self\" ><\/a>\n<div class=\"pt-cv-taxoterm above_title\"><a href='https:\/\/www.dmsjuridica.com\/buscador_20179478954\/corteconstitucionalcronologico202454587\/category\/buscar-en-toda-la-corte\/2004\/tutelas-2004\/' title='Tutelas 2004' class='pt-cv-tax-tutelas-2004'>Tutelas 2004<\/a><\/div>\n<h4 class=\"pt-cv-title\"><a href=\"https:\/\/www.dmsjuridica.com\/buscador_20179478954\/corteconstitucionalcronologico202454587\/t-548-04\/\" class=\"_self\" target=\"_self\" >T-548-04<\/a><\/h4>\n<div class=\"pt-cv-content\">\u00a0 \u00a0 Sentencia T-548\/04 \u00a0 PRINCIPIO DE CONTINUIDAD EN EL SERVICIO DE SALUD-Prestaci\u00f3n sin interrupci\u00f3n \u00a0 La jurisprudencia de la Corte ha se\u00f1alado que una E.P.S. no puede suspender un tratamiento o un medicamento necesario para salvaguardar la vida y la integridad de un paciente, invocando, entre otros, el argumento de que la persona encargada de hacer los aportes dej\u00f3 de pagarlos. \u00a0 SISTEMA DE SALUD-Relaciones entre empleador y entidad de seguridad social \u00a0 ENTIDAD PROMOTORA DE SALUD-Interrupci\u00f3n de servicios \u00a0 DERECHO A LA SALUD-No puede afectarse por mora patronal en pago de aportes \u00a0 La Sala considera necesario llamar ...<br \/><div class=\"pt-cv-rmwrap\"><a href=\"https:\/\/www.dmsjuridica.com\/buscador_20179478954\/corteconstitucionalcronologico202454587\/t-548-04\/\" class=\"_self pt-cv-readmore btn btn-success\" target=\"_self\">Ver Sentencia Completa...<\/a><\/div><\/div><\/div><\/div>\n<div class=\"col-md-12 col-sm-12 col-xs-12 pt-cv-content-item pt-cv-1-col\" ><div class='pt-cv-ifield'><a href=\"https:\/\/www.dmsjuridica.com\/buscador_20179478954\/corteconstitucionalcronologico202454587\/t-547-04\/\" class=\"_self pt-cv-href-thumbnail pt-cv-thumb-default\" target=\"_self\" ><\/a>\n<div class=\"pt-cv-taxoterm above_title\"><a href='https:\/\/www.dmsjuridica.com\/buscador_20179478954\/corteconstitucionalcronologico202454587\/category\/buscar-en-toda-la-corte\/2004\/tutelas-2004\/' title='Tutelas 2004' class='pt-cv-tax-tutelas-2004'>Tutelas 2004<\/a><\/div>\n<h4 class=\"pt-cv-title\"><a href=\"https:\/\/www.dmsjuridica.com\/buscador_20179478954\/corteconstitucionalcronologico202454587\/t-547-04\/\" class=\"_self\" target=\"_self\" >T-547-04<\/a><\/h4>\n<div class=\"pt-cv-content\">\u00a0 \u00a0 Sentencia T-547\/04 \u00a0 DERECHO AL MINIMO VITAL DEL PENSIONADO-Pago de mesadas atrasadas \u00a0 DERECHO A LA VIDA DIGNA DEL PENSIONADO-Pago oportuno de mesadas \u00a0 DERECHO AL MINIMO VITAL-Definici\u00f3n \u00a0 ACCION DE TUTELA-Improcedencia general ejecuci\u00f3n de obligaciones laborales\/ACCION DE TUTELA-Procedencia excepcional ejecuci\u00f3n de obligaciones laborales \u00a0 EMPLEADOR-Situaci\u00f3n econ\u00f3mica o presupuestal no es \u00f3bice para desconocer obligaciones laborales \u00a0 EMPLEADOR-Asignaci\u00f3n de partida presupuestal para pago de pensiones \u00a0 FUNDACION SAN JUAN DE DIOS-Inclusi\u00f3n en n\u00f3mina de pensionado \u00a0 Referencia: expediente T-768112 \u00a0 Acci\u00f3n de tutela instaurada por V\u00edctor Barrios L\u00f3pez contra el Ministerio de Hacienda y Cr\u00e9dito P\u00fablico. \u00a0 Magistrado ...<br \/><div class=\"pt-cv-rmwrap\"><a href=\"https:\/\/www.dmsjuridica.com\/buscador_20179478954\/corteconstitucionalcronologico202454587\/t-547-04\/\" class=\"_self pt-cv-readmore btn btn-success\" target=\"_self\">Ver Sentencia Completa...<\/a><\/div><\/div><\/div><\/div>\n<div class=\"col-md-12 col-sm-12 col-xs-12 pt-cv-content-item pt-cv-1-col\" ><div class='pt-cv-ifield'><a href=\"https:\/\/www.dmsjuridica.com\/buscador_20179478954\/corteconstitucionalcronologico202454587\/t-546-04\/\" class=\"_self pt-cv-href-thumbnail pt-cv-thumb-default\" target=\"_self\" ><\/a>\n<div class=\"pt-cv-taxoterm above_title\"><a href='https:\/\/www.dmsjuridica.com\/buscador_20179478954\/corteconstitucionalcronologico202454587\/category\/buscar-en-toda-la-corte\/2004\/tutelas-2004\/' title='Tutelas 2004' class='pt-cv-tax-tutelas-2004'>Tutelas 2004<\/a><\/div>\n<h4 class=\"pt-cv-title\"><a href=\"https:\/\/www.dmsjuridica.com\/buscador_20179478954\/corteconstitucionalcronologico202454587\/t-546-04\/\" class=\"_self\" target=\"_self\" >T-546-04<\/a><\/h4>\n<div class=\"pt-cv-content\">\u00a0 \u00a0 Sentencia T-546\/04 \u00a0 As\u00ed pues, seg\u00fan los conceptos de expertos en la materia consignados en l\u00edneas precedentes, la realizaci\u00f3n de los ex\u00e1menes Carga Viral y CD4 es necesaria en la determinaci\u00f3n del tratamiento a seguir, as\u00ed como en el control de los efectos arrojados por el tratamiento practicado al paciente infectado con el virus VIH\/SIDA, lo cual se encuentra en perfecta armon\u00eda con la doctrina que ha sostenido esta Corporaci\u00f3n en lo que hace relaci\u00f3n a la protecci\u00f3n del derecho a la salud en conexidad con el derecho a la vida, que se encuentra \u00edntimamente relacionado entre otros ...<br \/><div class=\"pt-cv-rmwrap\"><a href=\"https:\/\/www.dmsjuridica.com\/buscador_20179478954\/corteconstitucionalcronologico202454587\/t-546-04\/\" class=\"_self pt-cv-readmore btn btn-success\" target=\"_self\">Ver Sentencia Completa...<\/a><\/div><\/div><\/div><\/div>\n<div class=\"col-md-12 col-sm-12 col-xs-12 pt-cv-content-item pt-cv-1-col\" ><div class='pt-cv-ifield'><a href=\"https:\/\/www.dmsjuridica.com\/buscador_20179478954\/corteconstitucionalcronologico202454587\/t-545-04\/\" class=\"_self pt-cv-href-thumbnail pt-cv-thumb-default\" target=\"_self\" ><\/a>\n<div class=\"pt-cv-taxoterm above_title\"><a href='https:\/\/www.dmsjuridica.com\/buscador_20179478954\/corteconstitucionalcronologico202454587\/category\/buscar-en-toda-la-corte\/2004\/tutelas-2004\/' title='Tutelas 2004' class='pt-cv-tax-tutelas-2004'>Tutelas 2004<\/a><\/div>\n<h4 class=\"pt-cv-title\"><a href=\"https:\/\/www.dmsjuridica.com\/buscador_20179478954\/corteconstitucionalcronologico202454587\/t-545-04\/\" class=\"_self\" target=\"_self\" >T-545-04<\/a><\/h4>\n<div class=\"pt-cv-content\">\u00a0 \u00a0 Sentencia T-545\/04 \u00a0 PRINCIPIO DE FAVORABILIDAD LABORAL-Fijaci\u00f3n de alcance de un texto ante duda seria y objetiva \u00a0 Ante la claridad de la doctrina constitucional de la Sala Plena de la Corte en materia de favorabilidad laboral, la Sala de Revisi\u00f3n no tendr\u00eda argumentos que agregar. En efecto, el punto parece no admitir mayores controversias: en caso de duda y ante la existencia de dos o m\u00e1s interpretaciones de una disposici\u00f3n jur\u00eddica contenida en una fuente formal del derecho (ley, acto administrativo, convenci\u00f3n colectiva) debe preferirse aquella interpretaci\u00f3n que mejor satisfaga los intereses del trabajador. Este y no ...<br \/><div class=\"pt-cv-rmwrap\"><a href=\"https:\/\/www.dmsjuridica.com\/buscador_20179478954\/corteconstitucionalcronologico202454587\/t-545-04\/\" class=\"_self pt-cv-readmore btn btn-success\" target=\"_self\">Ver Sentencia Completa...<\/a><\/div><\/div><\/div><\/div>\n<div class=\"col-md-12 col-sm-12 col-xs-12 pt-cv-content-item pt-cv-1-col\" ><div class='pt-cv-ifield'><a href=\"https:\/\/www.dmsjuridica.com\/buscador_20179478954\/corteconstitucionalcronologico202454587\/t-544-04\/\" class=\"_self pt-cv-href-thumbnail pt-cv-thumb-default\" target=\"_self\" ><\/a>\n<div class=\"pt-cv-taxoterm above_title\"><a href='https:\/\/www.dmsjuridica.com\/buscador_20179478954\/corteconstitucionalcronologico202454587\/category\/buscar-en-toda-la-corte\/2004\/tutelas-2004\/' title='Tutelas 2004' class='pt-cv-tax-tutelas-2004'>Tutelas 2004<\/a><\/div>\n<h4 class=\"pt-cv-title\"><a href=\"https:\/\/www.dmsjuridica.com\/buscador_20179478954\/corteconstitucionalcronologico202454587\/t-544-04\/\" class=\"_self\" target=\"_self\" >T-544-04<\/a><\/h4>\n<div class=\"pt-cv-content\">\u00a0 \u00a0 Sentencia T-544\/04 \u00a0 PERDIDA DE INVESTIDURA-Concepto\/PERDIDA DE INVESTIDURA-Efectos \u00a0 PERDIDA DE INVESTIDURA-Car\u00e1cter disciplinario \u00a0 PERDIDA DE INVESTIDURA DE CONGRESISTA-Causales \u00a0 PROCURADOR GENERAL DE LA NACION-Puede investigar y sancionar disciplinariamente a los Congresistas \u00a0 Existen principios constitucionales y desarrollos jurisprudenciales espec\u00edficos que otorgan competencia al Procurador General de la Naci\u00f3n para investigar y sancionar disciplinariamente a los miembros del Congreso de la Rep\u00fablica que incurran en la comisi\u00f3n de faltas disciplinarias. Por ende, es razonable que los congresistas, como miembros de una corporaci\u00f3n p\u00fablica de elecci\u00f3n popular, titulares del cumplimiento de funciones p\u00fablicas, puedan ser investigados disciplinariamente por el ...<br \/><div class=\"pt-cv-rmwrap\"><a href=\"https:\/\/www.dmsjuridica.com\/buscador_20179478954\/corteconstitucionalcronologico202454587\/t-544-04\/\" class=\"_self pt-cv-readmore btn btn-success\" target=\"_self\">Ver Sentencia Completa...<\/a><\/div><\/div><\/div><\/div>\n<div class=\"col-md-12 col-sm-12 col-xs-12 pt-cv-content-item pt-cv-1-col\" ><div class='pt-cv-ifield'><a href=\"https:\/\/www.dmsjuridica.com\/buscador_20179478954\/corteconstitucionalcronologico202454587\/t-543-04\/\" class=\"_self pt-cv-href-thumbnail pt-cv-thumb-default\" target=\"_self\" ><\/a>\n<div class=\"pt-cv-taxoterm above_title\"><a href='https:\/\/www.dmsjuridica.com\/buscador_20179478954\/corteconstitucionalcronologico202454587\/category\/buscar-en-toda-la-corte\/2004\/tutelas-2004\/' title='Tutelas 2004' class='pt-cv-tax-tutelas-2004'>Tutelas 2004<\/a><\/div>\n<h4 class=\"pt-cv-title\"><a href=\"https:\/\/www.dmsjuridica.com\/buscador_20179478954\/corteconstitucionalcronologico202454587\/t-543-04\/\" class=\"_self\" target=\"_self\" >T-543-04<\/a><\/h4>\n<div class=\"pt-cv-content\">\u00a0 \u00a0 Sentencia T-543\/04 \u00a0 DERECHOS DEL NI\u00d1O A TENER UNA FAMILIA-Circunstancias de procedencia para separaci\u00f3n de familia biol\u00f3gica \u00a0 La familia fue objeto de protecci\u00f3n preferente por parte del Constituyente de 1991. De all\u00ed que el art\u00edculo 5\u00ba de la Carta disponga que el Estado \u201campara a la familia como instituci\u00f3n b\u00e1sica de la sociedad\u201d y que el art\u00edculo 42 reconozca a la familia como \u201cel n\u00facleo b\u00e1sico fundamental de la sociedad\u201d y que les imponga al Estado y a la sociedad el imperativo de garantizarle protecci\u00f3n integral. \u00a0 El constituyente ha regulado con especial \u00e9nfasis los derechos fundamentales ...<br \/><div class=\"pt-cv-rmwrap\"><a href=\"https:\/\/www.dmsjuridica.com\/buscador_20179478954\/corteconstitucionalcronologico202454587\/t-543-04\/\" class=\"_self pt-cv-readmore btn btn-success\" target=\"_self\">Ver Sentencia Completa...<\/a><\/div><\/div><\/div><\/div>\n<div class=\"col-md-12 col-sm-12 col-xs-12 pt-cv-content-item pt-cv-1-col\" ><div class='pt-cv-ifield'><a href=\"https:\/\/www.dmsjuridica.com\/buscador_20179478954\/corteconstitucionalcronologico202454587\/t-542-04\/\" class=\"_self pt-cv-href-thumbnail pt-cv-thumb-default\" target=\"_self\" ><\/a>\n<div class=\"pt-cv-taxoterm above_title\"><a href='https:\/\/www.dmsjuridica.com\/buscador_20179478954\/corteconstitucionalcronologico202454587\/category\/buscar-en-toda-la-corte\/2004\/tutelas-2004\/' title='Tutelas 2004' class='pt-cv-tax-tutelas-2004'>Tutelas 2004<\/a><\/div>\n<h4 class=\"pt-cv-title\"><a href=\"https:\/\/www.dmsjuridica.com\/buscador_20179478954\/corteconstitucionalcronologico202454587\/t-542-04\/\" class=\"_self\" target=\"_self\" >T-542-04<\/a><\/h4>\n<div class=\"pt-cv-content\">\u00a0 \u00a0 Sentencia T-542\/04 \u00a0 REGIMEN SUBSIDIADO DE SEGURIDAD SOCIAL EN SALUD-Beneficiarios \u00a0 Al R\u00e9gimen Subsidiado establecido por la Ley 100 de 1993, pertenecen las personas integrantes de los estratos 1 y 2, es decir, la poblaci\u00f3n m\u00e1s pobre y vulnerable del pa\u00eds en las \u00e1reas rural y urbana, con especial \u00e9nfasis: las madres durante el embarazo, parto, postparto y lactancia, las madres comunitarias, las mujeres cabeza de familia, los ni\u00f1os menores de un a\u00f1o, los menores en situaci\u00f3n irregular, los enfermos de Hansen, las personas mayores de sesenta y cinco (65) a\u00f1os, los discapacitados, los campesinos, las comunidades ind\u00edgenas, ...<br \/><div class=\"pt-cv-rmwrap\"><a href=\"https:\/\/www.dmsjuridica.com\/buscador_20179478954\/corteconstitucionalcronologico202454587\/t-542-04\/\" class=\"_self pt-cv-readmore btn btn-success\" target=\"_self\">Ver Sentencia Completa...<\/a><\/div><\/div><\/div><\/div>\n<div class=\"col-md-12 col-sm-12 col-xs-12 pt-cv-content-item pt-cv-1-col\" ><div class='pt-cv-ifield'><a href=\"https:\/\/www.dmsjuridica.com\/buscador_20179478954\/corteconstitucionalcronologico202454587\/t-541-04\/\" class=\"_self pt-cv-href-thumbnail pt-cv-thumb-default\" target=\"_self\" ><\/a>\n<div class=\"pt-cv-taxoterm above_title\"><a href='https:\/\/www.dmsjuridica.com\/buscador_20179478954\/corteconstitucionalcronologico202454587\/category\/buscar-en-toda-la-corte\/2004\/tutelas-2004\/' title='Tutelas 2004' class='pt-cv-tax-tutelas-2004'>Tutelas 2004<\/a><\/div>\n<h4 class=\"pt-cv-title\"><a href=\"https:\/\/www.dmsjuridica.com\/buscador_20179478954\/corteconstitucionalcronologico202454587\/t-541-04\/\" class=\"_self\" target=\"_self\" >T-541-04<\/a><\/h4>\n<div class=\"pt-cv-content\">\u00a0 \u00a0 Sentencia T-541\/04 \u00a0 DERECHO AL MINIMO VITAL DEL TRABAJADOR-Presunci\u00f3n de afectaci\u00f3n por ausencia prolongada en pago de salarios \u00a0 SALARIO-Cesaci\u00f3n de pagos indefinidamente repercute en la familia \u00a0 ACCION DE TUTELA-Procedencia excepcional pago de acreencias laborales \u00a0 Reiteraci\u00f3n de Jurisprudencia \u00a0 Referencia: expediente T-847890 \u00a0 Acci\u00f3n de tutela interpuesta por Amparo Hincapi\u00e9 Grajales contra Unipapel S.A. \u00a0 Magistrado Ponente: \u00a0 Dr. JAIME C\u00d3RDOBA TRIVI\u00d1O \u00a0 Bogot\u00e1, D.C., veintiocho (28) de mayo de dos mil cuatro (2004). \u00a0 La Sala Cuarta de Revisi\u00f3n de la Corte Constitucional, en ejercicio de sus competencias constitucionales y legales, espec\u00edficamente las previstas en ...<br \/><div class=\"pt-cv-rmwrap\"><a href=\"https:\/\/www.dmsjuridica.com\/buscador_20179478954\/corteconstitucionalcronologico202454587\/t-541-04\/\" class=\"_self pt-cv-readmore btn btn-success\" target=\"_self\">Ver Sentencia Completa...<\/a><\/div><\/div><\/div><\/div>\n<div class=\"col-md-12 col-sm-12 col-xs-12 pt-cv-content-item pt-cv-1-col\" ><div class='pt-cv-ifield'><a href=\"https:\/\/www.dmsjuridica.com\/buscador_20179478954\/corteconstitucionalcronologico202454587\/t-540-04\/\" class=\"_self pt-cv-href-thumbnail pt-cv-thumb-default\" target=\"_self\" ><\/a>\n<div class=\"pt-cv-taxoterm above_title\"><a href='https:\/\/www.dmsjuridica.com\/buscador_20179478954\/corteconstitucionalcronologico202454587\/category\/buscar-en-toda-la-corte\/2004\/tutelas-2004\/' title='Tutelas 2004' class='pt-cv-tax-tutelas-2004'>Tutelas 2004<\/a><\/div>\n<h4 class=\"pt-cv-title\"><a href=\"https:\/\/www.dmsjuridica.com\/buscador_20179478954\/corteconstitucionalcronologico202454587\/t-540-04\/\" class=\"_self\" target=\"_self\" >T-540-04<\/a><\/h4>\n<div class=\"pt-cv-content\">\u00a0 \u00a0 Sentencia T-540\/04 \u00a0 ACCION DE TUTELA CONTRA PROVIDENCIAS JUDICIALES-Procedencia excepcional en casos de hom\u00f3nimos \u00a0 La Corte Constitucional ha manifestado compartir la doctrina sostenida por la Sala Penal de la Corte Suprema de Justicia en materia de protecci\u00f3n de derechos fundamentales frente a situaciones de suplantaci\u00f3n de personas o de homonimia. As\u00ed las cosas, ha se\u00f1alado que por regla general la acci\u00f3n de tutela es improcedente por existir otro mecanismo de defensa, como es acudir ante el juez de ejecuci\u00f3n de penas y medidas de seguridad o ejercer la acci\u00f3n de revisi\u00f3n. En efecto, la solicitud que se ...<br \/><div class=\"pt-cv-rmwrap\"><a href=\"https:\/\/www.dmsjuridica.com\/buscador_20179478954\/corteconstitucionalcronologico202454587\/t-540-04\/\" class=\"_self pt-cv-readmore btn btn-success\" target=\"_self\">Ver Sentencia Completa...<\/a><\/div><\/div><\/div><\/div>\n<div class=\"col-md-12 col-sm-12 col-xs-12 pt-cv-content-item pt-cv-1-col\" ><div class='pt-cv-ifield'><a href=\"https:\/\/www.dmsjuridica.com\/buscador_20179478954\/corteconstitucionalcronologico202454587\/t-539-04\/\" class=\"_self pt-cv-href-thumbnail pt-cv-thumb-default\" target=\"_self\" ><\/a>\n<div class=\"pt-cv-taxoterm above_title\"><a href='https:\/\/www.dmsjuridica.com\/buscador_20179478954\/corteconstitucionalcronologico202454587\/category\/buscar-en-toda-la-corte\/2004\/tutelas-2004\/' title='Tutelas 2004' class='pt-cv-tax-tutelas-2004'>Tutelas 2004<\/a><\/div>\n<h4 class=\"pt-cv-title\"><a href=\"https:\/\/www.dmsjuridica.com\/buscador_20179478954\/corteconstitucionalcronologico202454587\/t-539-04\/\" class=\"_self\" target=\"_self\" >T-539-04<\/a><\/h4>\n<div class=\"pt-cv-content\">\u00a0 \u00a0 Sentencia T-539\/04 \u00a0 DERECHO A LA VIDA-Protecci\u00f3n \u00a0 DERECHOS FUNDAMENTALES-Amenaza \u00a0 Es deber de las autoridades prestar una efectiva protecci\u00f3n a todos los ciudadanos, en especial a aqu\u00e9llos cercanos al conflicto armado. En efecto, se ha considerado que tal protecci\u00f3n debe brindarse a todas las personas que ponen de manera objetiva en peligro su vida, sin distinciones y sin importar el grado de afectaci\u00f3n, es decir que en estos casos \u201cno importa la magnitud o el grado de probabilidad de la amenaza, con tal que ella sea cierta.\u201d. As\u00ed mismo, ha considerado esta Corporaci\u00f3n que resulta irrelevante identificar ...<br \/><div class=\"pt-cv-rmwrap\"><a href=\"https:\/\/www.dmsjuridica.com\/buscador_20179478954\/corteconstitucionalcronologico202454587\/t-539-04\/\" class=\"_self pt-cv-readmore btn btn-success\" target=\"_self\">Ver Sentencia Completa...<\/a><\/div><\/div><\/div><\/div>\n<div class=\"col-md-12 col-sm-12 col-xs-12 pt-cv-content-item pt-cv-1-col\" ><div class='pt-cv-ifield'><a href=\"https:\/\/www.dmsjuridica.com\/buscador_20179478954\/corteconstitucionalcronologico202454587\/t-538-04\/\" class=\"_self pt-cv-href-thumbnail pt-cv-thumb-default\" target=\"_self\" ><\/a>\n<div class=\"pt-cv-taxoterm above_title\"><a href='https:\/\/www.dmsjuridica.com\/buscador_20179478954\/corteconstitucionalcronologico202454587\/category\/buscar-en-toda-la-corte\/2004\/tutelas-2004\/' title='Tutelas 2004' class='pt-cv-tax-tutelas-2004'>Tutelas 2004<\/a><\/div>\n<h4 class=\"pt-cv-title\"><a href=\"https:\/\/www.dmsjuridica.com\/buscador_20179478954\/corteconstitucionalcronologico202454587\/t-538-04\/\" class=\"_self\" target=\"_self\" >T-538-04<\/a><\/h4>\n<div class=\"pt-cv-content\">\u00a0 \u00a0 Sentencia T-538\/04 \u00a0 DERECHO A LA SALUD-Fundamental por conexidad \u00a0 DERECHOS FUNDAMENTALES-Conexidad\/DERECHO A LA SEGURIDAD SOCIAL-Servicios vitales y esenciales para el mantenimiento de una vida digna \u00a0 DERECHO A LA SEGURIDAD SOCIAL-Efectividad\/INAPLICACION DE NORMAS DEL PLAN OBLIGATORIO DE SALUD-Hip\u00f3tesis f\u00e1cticas que la determinan \u00a0 La jurisprudencia constitucional ha dise\u00f1ando diversas hip\u00f3tesis f\u00e1cticas por medio de las cuales puede determinarse si en un caso concreto, debe inaplicarse la regulaci\u00f3n establecida en el POS. Ha indicado que tal situaci\u00f3n ocurre, especialmente cuando (i) la falta del medicamento o el procedimiento excluido por la norma legal o reglamentaria amenace los derechos ...<br \/><div class=\"pt-cv-rmwrap\"><a href=\"https:\/\/www.dmsjuridica.com\/buscador_20179478954\/corteconstitucionalcronologico202454587\/t-538-04\/\" class=\"_self pt-cv-readmore btn btn-success\" target=\"_self\">Ver Sentencia Completa...<\/a><\/div><\/div><\/div><\/div>\n<div class=\"col-md-12 col-sm-12 col-xs-12 pt-cv-content-item pt-cv-1-col\" ><div class='pt-cv-ifield'><a href=\"https:\/\/www.dmsjuridica.com\/buscador_20179478954\/corteconstitucionalcronologico202454587\/t-537-04\/\" class=\"_self pt-cv-href-thumbnail pt-cv-thumb-default\" target=\"_self\" ><\/a>\n<div class=\"pt-cv-taxoterm above_title\"><a href='https:\/\/www.dmsjuridica.com\/buscador_20179478954\/corteconstitucionalcronologico202454587\/category\/buscar-en-toda-la-corte\/2004\/tutelas-2004\/' title='Tutelas 2004' class='pt-cv-tax-tutelas-2004'>Tutelas 2004<\/a><\/div>\n<h4 class=\"pt-cv-title\"><a href=\"https:\/\/www.dmsjuridica.com\/buscador_20179478954\/corteconstitucionalcronologico202454587\/t-537-04\/\" class=\"_self\" target=\"_self\" >T-537-04<\/a><\/h4>\n<div class=\"pt-cv-content\">\u00a0 \u00a0 Sentencia T-537\/04 \u00a0 ENTIDAD PROMOTORA DE SALUD-Deber sancionatorio y correctivo frente a conductas abusivas y fraudulentas de los usuarios afiliados al sistema \u00a0 SERVICIO PUBLICO DE SEGURIDAD SOCIAL-Principios \u00a0 SISTEMA DE SEGURIDAD SOCIAL EN SALUD-Garant\u00edas\/SISTEMA DE SEGURIDAD SOCIAL EN SALUD-Alcance \u00a0 SISTEMA DE SEGURIDAD SOCIAL-Controles \u00a0 Como puede observarse existe un sistema de control debidamente estructurado a efecto de prevenir, controlar y sancionar las conductas irregulares en que puedan incurrir los usuarios al momento de afiliarse al SGSSS. Estos mecanismos de control sobre la informaci\u00f3n suministrada por los usuarios, son factores determinantes que contribuyen en el eficiente funcionamiento ...<br \/><div class=\"pt-cv-rmwrap\"><a href=\"https:\/\/www.dmsjuridica.com\/buscador_20179478954\/corteconstitucionalcronologico202454587\/t-537-04\/\" class=\"_self pt-cv-readmore btn btn-success\" target=\"_self\">Ver Sentencia Completa...<\/a><\/div><\/div><\/div><\/div>\n<div class=\"col-md-12 col-sm-12 col-xs-12 pt-cv-content-item pt-cv-1-col\" ><div class='pt-cv-ifield'><a href=\"https:\/\/www.dmsjuridica.com\/buscador_20179478954\/corteconstitucionalcronologico202454587\/t-536-04\/\" class=\"_self pt-cv-href-thumbnail pt-cv-thumb-default\" target=\"_self\" ><\/a>\n<div class=\"pt-cv-taxoterm above_title\"><a href='https:\/\/www.dmsjuridica.com\/buscador_20179478954\/corteconstitucionalcronologico202454587\/category\/buscar-en-toda-la-corte\/2004\/tutelas-2004\/' title='Tutelas 2004' class='pt-cv-tax-tutelas-2004'>Tutelas 2004<\/a><\/div>\n<h4 class=\"pt-cv-title\"><a href=\"https:\/\/www.dmsjuridica.com\/buscador_20179478954\/corteconstitucionalcronologico202454587\/t-536-04\/\" class=\"_self\" target=\"_self\" >T-536-04<\/a><\/h4>\n<div class=\"pt-cv-content\">\u00a0 \u00a0 Sentencia T-536\/04 \u00a0 ACCION DE TUTELA CONTRA SENTENCIA DE TUTELA-Prohibici\u00f3n \u00a0 Referencia: expediente T-849544 \u00a0 Acci\u00f3n de tutela instaurada por Hugo Alberto Arboleda contra la Sala Penal del Tribunal Superior del Distrito Judicial de Cali.\u00a0 \u00a0 Magistrada Ponente: \u00a0 Dra. CLARA IN\u00c9S VARGAS HERN\u00c1NDEZ \u00a0 Bogot\u00e1, D. C., veintisiete (27) de mayo de dos mil cuatro (2004). \u00a0 SENTENCIA \u00a0 en el proceso de revisi\u00f3n del fallo dictado por las Salas Penal y Civil de la Corte Suprema de Justicia, en el tr\u00e1mite de la acci\u00f3n de tutela iniciada por Hugo Alberto Arboleda \u00c1ngel contra la Sala Penal ...<br \/><div class=\"pt-cv-rmwrap\"><a href=\"https:\/\/www.dmsjuridica.com\/buscador_20179478954\/corteconstitucionalcronologico202454587\/t-536-04\/\" class=\"_self pt-cv-readmore btn btn-success\" target=\"_self\">Ver Sentencia Completa...<\/a><\/div><\/div><\/div><\/div>\n<div class=\"col-md-12 col-sm-12 col-xs-12 pt-cv-content-item pt-cv-1-col\" ><div class='pt-cv-ifield'><a href=\"https:\/\/www.dmsjuridica.com\/buscador_20179478954\/corteconstitucionalcronologico202454587\/t-535-04\/\" class=\"_self pt-cv-href-thumbnail pt-cv-thumb-default\" target=\"_self\" ><\/a>\n<div class=\"pt-cv-taxoterm above_title\"><a href='https:\/\/www.dmsjuridica.com\/buscador_20179478954\/corteconstitucionalcronologico202454587\/category\/buscar-en-toda-la-corte\/2004\/tutelas-2004\/' title='Tutelas 2004' class='pt-cv-tax-tutelas-2004'>Tutelas 2004<\/a><\/div>\n<h4 class=\"pt-cv-title\"><a href=\"https:\/\/www.dmsjuridica.com\/buscador_20179478954\/corteconstitucionalcronologico202454587\/t-535-04\/\" class=\"_self\" target=\"_self\" >T-535-04<\/a><\/h4>\n<div class=\"pt-cv-content\">\u00a0 \u00a0 Sentencia T-535\/04 \u00a0 RELIQUIDACION DE CREDITO HIPOTECARIO-Suspensi\u00f3n y archivo de proceso en curso \u00a0 En ese orden de ideas, la suspensi\u00f3n de los procesos en curso, ya por petici\u00f3n del deudor, o por decisi\u00f3n adoptada de oficio por el juez, tiene por objeto que se efect\u00fae la reliquidaci\u00f3n del cr\u00e9dito y, producida ella, debe dar lugar a la terminaci\u00f3n del proceso y a su archivo sin m\u00e1s tr\u00e1mite, como lo ordena la norma, que en tal sentido, lejos de vulnerar, desarrolla el postulado constitucional que propende al establecimiento de un orden justo. \u00a0 JUEZ ORDINARIO-Competencia para garantizar derechos ...<br \/><div class=\"pt-cv-rmwrap\"><a href=\"https:\/\/www.dmsjuridica.com\/buscador_20179478954\/corteconstitucionalcronologico202454587\/t-535-04\/\" class=\"_self pt-cv-readmore btn btn-success\" target=\"_self\">Ver Sentencia Completa...<\/a><\/div><\/div><\/div><\/div>\n<div class=\"col-md-12 col-sm-12 col-xs-12 pt-cv-content-item pt-cv-1-col\" ><div class='pt-cv-ifield'><a href=\"https:\/\/www.dmsjuridica.com\/buscador_20179478954\/corteconstitucionalcronologico202454587\/t-532-04\/\" class=\"_self pt-cv-href-thumbnail pt-cv-thumb-default\" target=\"_self\" ><\/a>\n<div class=\"pt-cv-taxoterm above_title\"><a href='https:\/\/www.dmsjuridica.com\/buscador_20179478954\/corteconstitucionalcronologico202454587\/category\/buscar-en-toda-la-corte\/2004\/tutelas-2004\/' title='Tutelas 2004' class='pt-cv-tax-tutelas-2004'>Tutelas 2004<\/a><\/div>\n<h4 class=\"pt-cv-title\"><a href=\"https:\/\/www.dmsjuridica.com\/buscador_20179478954\/corteconstitucionalcronologico202454587\/t-532-04\/\" class=\"_self\" target=\"_self\" >T-532-04<\/a><\/h4>\n<div class=\"pt-cv-content\">\u00a0 \u00a0 Sentencia T-532\/04 \u00a0 DERECHO A LA SALUD-Suministro de aud\u00edfonos \u00a0 En orden a lo anterior, esta Corporaci\u00f3n ha precisado en diversos fallos que el derecho a la vida no se reduce a la simple existencia biol\u00f3gica, sino que implica, adem\u00e1s, la posibilidad de que el individuo lleve una vida en condiciones dignas a todo ser humano, lo m\u00e1s lejano posible al sufrimiento, de manera que pueda desempe\u00f1arse normalmente en sociedad. En este orden de ideas, y con respecto al suministro de elementos excluidos del POS-S tales como aud\u00edfonos, esta Corporaci\u00f3n se ha pronunciado en diversas oportunidades, haciendo \u00e9nfasis ...<br \/><div class=\"pt-cv-rmwrap\"><a href=\"https:\/\/www.dmsjuridica.com\/buscador_20179478954\/corteconstitucionalcronologico202454587\/t-532-04\/\" class=\"_self pt-cv-readmore btn btn-success\" target=\"_self\">Ver Sentencia Completa...<\/a><\/div><\/div><\/div><\/div>\n<div class=\"col-md-12 col-sm-12 col-xs-12 pt-cv-content-item pt-cv-1-col\" ><div class='pt-cv-ifield'><a href=\"https:\/\/www.dmsjuridica.com\/buscador_20179478954\/corteconstitucionalcronologico202454587\/t-531-04\/\" class=\"_self pt-cv-href-thumbnail pt-cv-thumb-default\" target=\"_self\" ><\/a>\n<div class=\"pt-cv-taxoterm above_title\"><a href='https:\/\/www.dmsjuridica.com\/buscador_20179478954\/corteconstitucionalcronologico202454587\/category\/buscar-en-toda-la-corte\/2004\/tutelas-2004\/' title='Tutelas 2004' class='pt-cv-tax-tutelas-2004'>Tutelas 2004<\/a><\/div>\n<h4 class=\"pt-cv-title\"><a href=\"https:\/\/www.dmsjuridica.com\/buscador_20179478954\/corteconstitucionalcronologico202454587\/t-531-04\/\" class=\"_self\" target=\"_self\" >T-531-04<\/a><\/h4>\n<div class=\"pt-cv-content\">\u00a0 \u00a0 Sentencia T-531\/04 \u00a0 DERECHO A LA SALUD-Cirug\u00eda de senos que no tiene car\u00e1cter est\u00e9tico\/DERECHO A LA SALUD-Necesidad de cirug\u00eda que no tiene principalmente fines est\u00e9ticos \u00a0 La mamoplastia reductora que demanda la accionante en este caso no tiene el car\u00e1cter de procedimiento est\u00e9tico, por cuanto cumple la funci\u00f3n de paliar los dolores que padece y de mejorar la imagen que aquella tiene de s\u00ed misma. La cirug\u00eda de mamoplastia reductura, si bien es cierto no va a mejorar su estado de salud f\u00edsica, tal como lo afirma el juez de instancia, s\u00ed va a mejorar su estado de ...<br \/><div class=\"pt-cv-rmwrap\"><a href=\"https:\/\/www.dmsjuridica.com\/buscador_20179478954\/corteconstitucionalcronologico202454587\/t-531-04\/\" class=\"_self pt-cv-readmore btn btn-success\" target=\"_self\">Ver Sentencia Completa...<\/a><\/div><\/div><\/div><\/div>\n<div class=\"col-md-12 col-sm-12 col-xs-12 pt-cv-content-item pt-cv-1-col\" ><div class='pt-cv-ifield'><a href=\"https:\/\/www.dmsjuridica.com\/buscador_20179478954\/corteconstitucionalcronologico202454587\/t-530-04\/\" class=\"_self pt-cv-href-thumbnail pt-cv-thumb-default\" target=\"_self\" ><\/a>\n<div class=\"pt-cv-taxoterm above_title\"><a href='https:\/\/www.dmsjuridica.com\/buscador_20179478954\/corteconstitucionalcronologico202454587\/category\/buscar-en-toda-la-corte\/2004\/tutelas-2004\/' title='Tutelas 2004' class='pt-cv-tax-tutelas-2004'>Tutelas 2004<\/a><\/div>\n<h4 class=\"pt-cv-title\"><a href=\"https:\/\/www.dmsjuridica.com\/buscador_20179478954\/corteconstitucionalcronologico202454587\/t-530-04\/\" class=\"_self\" target=\"_self\" >T-530-04<\/a><\/h4>\n<div class=\"pt-cv-content\">\u00a0 \u00a0 Sentencia T-530\/04 \u00a0 ACCION DE TUTELA-Hecho superado por atenci\u00f3n m\u00e9dica a menor \u00a0 Reiteraci\u00f3n de Jurisprudencia \u00a0 Referencia: expediente T-847326 \u00a0 Acci\u00f3n de tutela instaurada por Luz Edid D\u00edaz Gait\u00e1n contra Selvasalud A.R.S. \u00a0 Magistrado Ponente: \u00a0 Dr. JAIME ARA\u00daJO RENTER\u00cdA \u00a0 Bogot\u00e1, D. C., veintisiete (27) de mayo de dos mil cuatro (2004). \u00a0 La Sala Primera de Revisi\u00f3n de la Corte Constitucional, en ejercicio de sus competencias constitucionales y legales, en particular las contenidas en los art\u00edculos 86 y 241, numeral 9, de la Constituci\u00f3n y el Decreto 2591 de 1991, ha proferido la siguiente \u00a0 ...<br \/><div class=\"pt-cv-rmwrap\"><a href=\"https:\/\/www.dmsjuridica.com\/buscador_20179478954\/corteconstitucionalcronologico202454587\/t-530-04\/\" class=\"_self pt-cv-readmore btn btn-success\" target=\"_self\">Ver Sentencia Completa...<\/a><\/div><\/div><\/div><\/div>\n<div class=\"col-md-12 col-sm-12 col-xs-12 pt-cv-content-item pt-cv-1-col\" ><div class='pt-cv-ifield'><a href=\"https:\/\/www.dmsjuridica.com\/buscador_20179478954\/corteconstitucionalcronologico202454587\/t-529-04\/\" class=\"_self pt-cv-href-thumbnail pt-cv-thumb-default\" target=\"_self\" ><\/a>\n<div class=\"pt-cv-taxoterm above_title\"><a href='https:\/\/www.dmsjuridica.com\/buscador_20179478954\/corteconstitucionalcronologico202454587\/category\/buscar-en-toda-la-corte\/2004\/tutelas-2004\/' title='Tutelas 2004' class='pt-cv-tax-tutelas-2004'>Tutelas 2004<\/a><\/div>\n<h4 class=\"pt-cv-title\"><a href=\"https:\/\/www.dmsjuridica.com\/buscador_20179478954\/corteconstitucionalcronologico202454587\/t-529-04\/\" class=\"_self\" target=\"_self\" >T-529-04<\/a><\/h4>\n<div class=\"pt-cv-content\">\u00a0 \u00a0 Sentencia T-529\/04 \u00a0 MUJER EMBARAZADA-Protecci\u00f3n constitucional especial \u00a0 DERECHO A LA ESTABILIDAD LABORAL REFORZADA DE MUJER EMBARAZADA-Protecci\u00f3n constitucional especial \u00a0 MUJER EMBARAZADA-Requisitos que se deben cumplir para que el despido sea legal \u00a0 Lo anterior no significa que la mujer embarazada o en lactancia no pueda ser desvinculada de su empleo, lo que ha indicado la jurisprudencia de esta Corporaci\u00f3n es que el despido es ineficaz cuando no responde a una justa causa de aquellas contempladas por el C\u00f3digo Sustantivo del Trabajo y, adem\u00e1s, cuando el empleador no ha solicitado previamente autorizaci\u00f3n a la autoridad de trabajo competente ...<br \/><div class=\"pt-cv-rmwrap\"><a href=\"https:\/\/www.dmsjuridica.com\/buscador_20179478954\/corteconstitucionalcronologico202454587\/t-529-04\/\" class=\"_self pt-cv-readmore btn btn-success\" target=\"_self\">Ver Sentencia Completa...<\/a><\/div><\/div><\/div><\/div>\n<div class=\"col-md-12 col-sm-12 col-xs-12 pt-cv-content-item pt-cv-1-col\" ><div class='pt-cv-ifield'><a href=\"https:\/\/www.dmsjuridica.com\/buscador_20179478954\/corteconstitucionalcronologico202454587\/t-528-04\/\" class=\"_self pt-cv-href-thumbnail pt-cv-thumb-default\" target=\"_self\" ><\/a>\n<div class=\"pt-cv-taxoterm above_title\"><a href='https:\/\/www.dmsjuridica.com\/buscador_20179478954\/corteconstitucionalcronologico202454587\/category\/buscar-en-toda-la-corte\/2004\/tutelas-2004\/' title='Tutelas 2004' class='pt-cv-tax-tutelas-2004'>Tutelas 2004<\/a><\/div>\n<h4 class=\"pt-cv-title\"><a href=\"https:\/\/www.dmsjuridica.com\/buscador_20179478954\/corteconstitucionalcronologico202454587\/t-528-04\/\" class=\"_self\" target=\"_self\" >T-528-04<\/a><\/h4>\n<div class=\"pt-cv-content\">\u00a0 \u00a0 Sentencia T-528\/04 \u00a0 DERECHO A LA SALUD-Entrega por parte de EPS de bolsas de colostom\u00eda \u00a0 Referencia: expediente T-858264 \u00a0 Accionante: Lucinio Villamil Torres \u00a0 Procedencia: Juzgado Segundo Penal del Circuito Especializado de Bogot\u00e1 \u00a0 Magistrado Ponente:\u00a0 \u00a0 Dr. MARCO GERARDO MONROY CABRA \u00a0 Bogot\u00e1 D.C., veintisiete (27) de mayo de dos mil cuatro (2004). \u00a0 La Sala Sexta de la Corte Constitucional, integrada por los Magistrados doctores, Eduardo Montealegre Lynett, \u00c1lvaro Tafur Galvis y Marco Gerardo Monroy Cabra, quien la preside, en ejercicio de sus competencias constitucionales y legales han pronunciado la siguiente\u00a0 \u00a0 SENTENCIA \u00a0 En ...<br \/><div class=\"pt-cv-rmwrap\"><a href=\"https:\/\/www.dmsjuridica.com\/buscador_20179478954\/corteconstitucionalcronologico202454587\/t-528-04\/\" class=\"_self pt-cv-readmore btn btn-success\" target=\"_self\">Ver Sentencia Completa...<\/a><\/div><\/div><\/div><\/div>\n<div class=\"col-md-12 col-sm-12 col-xs-12 pt-cv-content-item pt-cv-1-col\" ><div class='pt-cv-ifield'><a href=\"https:\/\/www.dmsjuridica.com\/buscador_20179478954\/corteconstitucionalcronologico202454587\/t-527-04\/\" class=\"_self pt-cv-href-thumbnail pt-cv-thumb-default\" target=\"_self\" ><\/a>\n<div class=\"pt-cv-taxoterm above_title\"><a href='https:\/\/www.dmsjuridica.com\/buscador_20179478954\/corteconstitucionalcronologico202454587\/category\/buscar-en-toda-la-corte\/2004\/tutelas-2004\/' title='Tutelas 2004' class='pt-cv-tax-tutelas-2004'>Tutelas 2004<\/a><\/div>\n<h4 class=\"pt-cv-title\"><a href=\"https:\/\/www.dmsjuridica.com\/buscador_20179478954\/corteconstitucionalcronologico202454587\/t-527-04\/\" class=\"_self\" target=\"_self\" >T-527-04<\/a><\/h4>\n<div class=\"pt-cv-content\">\u00a0 \u00a0 Sentencia T-527\/04 \u00a0 ACCION DE TUTELA-Improcedencia para reliquidaci\u00f3n de pensiones\/ACCION DE TUTELA-Subsidiariedad \u00a0 DERECHOS FUNDAMENTALES-Inexistencia de vulneraci\u00f3n \u00a0 ACCION DE TUTELA-Improcedencia respecto a liquidaci\u00f3n pensional de exfuncionarios diplom\u00e1ticos \u00a0 PENSION DE JUBILACION-Liquidaci\u00f3n con base en el salario realmente devengado por el trabajador \u00a0 PENSION DE JUBILACION DE FUNCIONARIO DIPLOMATICO-Liquidaci\u00f3n con base en el salario realmente devengado \u00a0 No encuentra la Sala un procedimiento que permita a los funcionarios y exfuncionarios del Ministerio de Relaciones Exteriores hacer que cese la discriminaci\u00f3n a que est\u00e1n siendo sometidos, por pertenecer o haberse desempe\u00f1ado en la planta externa de la entidad, as\u00ed ...<br \/><div class=\"pt-cv-rmwrap\"><a href=\"https:\/\/www.dmsjuridica.com\/buscador_20179478954\/corteconstitucionalcronologico202454587\/t-527-04\/\" class=\"_self pt-cv-readmore btn btn-success\" target=\"_self\">Ver Sentencia Completa...<\/a><\/div><\/div><\/div><\/div>\n<div class=\"col-md-12 col-sm-12 col-xs-12 pt-cv-content-item pt-cv-1-col\" ><div class='pt-cv-ifield'><a href=\"https:\/\/www.dmsjuridica.com\/buscador_20179478954\/corteconstitucionalcronologico202454587\/t-526-04\/\" class=\"_self pt-cv-href-thumbnail pt-cv-thumb-default\" target=\"_self\" ><\/a>\n<div class=\"pt-cv-taxoterm above_title\"><a href='https:\/\/www.dmsjuridica.com\/buscador_20179478954\/corteconstitucionalcronologico202454587\/category\/buscar-en-toda-la-corte\/2004\/tutelas-2004\/' title='Tutelas 2004' class='pt-cv-tax-tutelas-2004'>Tutelas 2004<\/a><\/div>\n<h4 class=\"pt-cv-title\"><a href=\"https:\/\/www.dmsjuridica.com\/buscador_20179478954\/corteconstitucionalcronologico202454587\/t-526-04\/\" class=\"_self\" target=\"_self\" >T-526-04<\/a><\/h4>\n<div class=\"pt-cv-content\">\u00a0 \u00a0 Sentencia T-526\/04 \u00a0 DERECHO A LA AUTODETERMINACION INFORMATIVA-Intimidad econ\u00f3mica \u00a0 DATOS PERSONALES E IMPERSONALES-Diferencias \u00a0 DERECHO A LA INFORMACION-Alcance de la autorizaci\u00f3n para divulgar la historia crediticia personal \u00a0 HABEAS DATA-Funci\u00f3n primordial\/HABEAS DATA-N\u00facleo esencial \u00a0 BANCO DE DATOS-Informaci\u00f3n veraz e imparcial \u00a0 ENTIDAD FINANCIERA-Derecho a conocer el comportamiento de sus clientes\/DEUDOR FINANCIERO-Derecho a que la informaci\u00f3n sobre el cumplimiento de sus obligaciones incluya todo lo acontecido al respecto \u00a0 As\u00ed como las entidades financieras tienen derecho a conocer el comportamiento de sus clientes, los deudores de los establecimientos de cr\u00e9dito tienen derecho a que la informaci\u00f3n sobre el ...<br \/><div class=\"pt-cv-rmwrap\"><a href=\"https:\/\/www.dmsjuridica.com\/buscador_20179478954\/corteconstitucionalcronologico202454587\/t-526-04\/\" class=\"_self pt-cv-readmore btn btn-success\" target=\"_self\">Ver Sentencia Completa...<\/a><\/div><\/div><\/div><\/div>\n<div class=\"col-md-12 col-sm-12 col-xs-12 pt-cv-content-item pt-cv-1-col\" ><div class='pt-cv-ifield'><a href=\"https:\/\/www.dmsjuridica.com\/buscador_20179478954\/corteconstitucionalcronologico202454587\/t-525-04\/\" class=\"_self pt-cv-href-thumbnail pt-cv-thumb-default\" target=\"_self\" ><\/a>\n<div class=\"pt-cv-taxoterm above_title\"><a href='https:\/\/www.dmsjuridica.com\/buscador_20179478954\/corteconstitucionalcronologico202454587\/category\/buscar-en-toda-la-corte\/2004\/tutelas-2004\/' title='Tutelas 2004' class='pt-cv-tax-tutelas-2004'>Tutelas 2004<\/a><\/div>\n<h4 class=\"pt-cv-title\"><a href=\"https:\/\/www.dmsjuridica.com\/buscador_20179478954\/corteconstitucionalcronologico202454587\/t-525-04\/\" class=\"_self\" target=\"_self\" >T-525-04<\/a><\/h4>\n<div class=\"pt-cv-content\">\u00a0 \u00a0 Sentencia T-525\/04 \u00a0 ACCION DE TUTELA CONTRA PARTICULARES-Subordinaci\u00f3n e indefensi\u00f3n \u00a0 DERECHO DE ASOCIACION SINDICAL-Alcance\/LIBERTAD DE ASOCIACION SINDICAL-Alcance \u00a0 CONVENCION COLECTIVA-Protecci\u00f3n\/DERECHO DE NEGOCIACION COLECTIVA Y LIBERTAD SINDICAL-Vulneraci\u00f3n cuando el empleador ordena al trabajador acogerse y pagar cuotas a sindicatos extra\u00f1os \u00a0 CONVENCION COLECTIVA-Vigencia \u00a0 CONVENCION COLECTIVA Y TRIBUNAL DE ARBITRAMENTO \u00a0 ACCION DE REVISION DE LA CONVENCION COLECTIVA-Competencia \u00a0 SINDICATO MAYORITARIO-Beneficios convencionales \u00a0 Referencia: expedientes T-850403 y T-850619 acumulados. \u00a0 Acci\u00f3n de tutela de Helio Fabio Mar\u00edn Zea y Mart\u00edn Emilio Mu\u00f1oz Herrera contra Compa\u00f1\u00eda de Galletas Noel S.A.\u00a0 \u00a0 Procedencia: Juzgado D\u00e9cimo Civil del Circuito de Medell\u00edn ...<br \/><div class=\"pt-cv-rmwrap\"><a href=\"https:\/\/www.dmsjuridica.com\/buscador_20179478954\/corteconstitucionalcronologico202454587\/t-525-04\/\" class=\"_self pt-cv-readmore btn btn-success\" target=\"_self\">Ver Sentencia Completa...<\/a><\/div><\/div><\/div><\/div>\n<div class=\"col-md-12 col-sm-12 col-xs-12 pt-cv-content-item pt-cv-1-col\" ><div class='pt-cv-ifield'><a href=\"https:\/\/www.dmsjuridica.com\/buscador_20179478954\/corteconstitucionalcronologico202454587\/t-524-04\/\" class=\"_self pt-cv-href-thumbnail pt-cv-thumb-default\" target=\"_self\" ><\/a>\n<div class=\"pt-cv-taxoterm above_title\"><a href='https:\/\/www.dmsjuridica.com\/buscador_20179478954\/corteconstitucionalcronologico202454587\/category\/buscar-en-toda-la-corte\/2004\/tutelas-2004\/' title='Tutelas 2004' class='pt-cv-tax-tutelas-2004'>Tutelas 2004<\/a><\/div>\n<h4 class=\"pt-cv-title\"><a href=\"https:\/\/www.dmsjuridica.com\/buscador_20179478954\/corteconstitucionalcronologico202454587\/t-524-04\/\" class=\"_self\" target=\"_self\" >T-524-04<\/a><\/h4>\n<div class=\"pt-cv-content\">\u00a0 \u00a0 Sentencia T-524\/04 \u00a0 DERECHO AL MINIMO VITAL DEL PENSIONADO-Presunci\u00f3n de afectaci\u00f3n por ausencia prolongada en pago de mesadas \u00a0 DERECHO AL MINIMO VITAL DEL PENSIONADO-Pago oportuno de mesadas\u00a0 \u00a0 Referencia: expediente T-871531 \u00a0 Acci\u00f3n de tutela de Carmen Rosa Macias Lamus, contra Hospital San Juan de Dios de San Gil.\u00a0 \u00a0 Procedencia: Tribunal Superior de San Gil - Sala Civil. \u00a0 Magistrado Ponente: \u00a0 Dr. ALFREDO BELTR\u00c1N SIERRA \u00a0 La Sala Segunda (2a.) de Revisi\u00f3n de la Corte Constitucional, integrada por los magistrados, Alfredo Beltr\u00e1n Sierra, Manuel Jos\u00e9 Cepeda Espinosa y Jaime C\u00f3rdoba Trivi\u00f1o, en ejercicio de sus ...<br \/><div class=\"pt-cv-rmwrap\"><a href=\"https:\/\/www.dmsjuridica.com\/buscador_20179478954\/corteconstitucionalcronologico202454587\/t-524-04\/\" class=\"_self pt-cv-readmore btn btn-success\" target=\"_self\">Ver Sentencia Completa...<\/a><\/div><\/div><\/div><\/div>\n<div class=\"col-md-12 col-sm-12 col-xs-12 pt-cv-content-item pt-cv-1-col\" ><div class='pt-cv-ifield'><a href=\"https:\/\/www.dmsjuridica.com\/buscador_20179478954\/corteconstitucionalcronologico202454587\/t-523-04\/\" class=\"_self pt-cv-href-thumbnail pt-cv-thumb-default\" target=\"_self\" ><\/a>\n<div class=\"pt-cv-taxoterm above_title\"><a href='https:\/\/www.dmsjuridica.com\/buscador_20179478954\/corteconstitucionalcronologico202454587\/category\/buscar-en-toda-la-corte\/2004\/tutelas-2004\/' title='Tutelas 2004' class='pt-cv-tax-tutelas-2004'>Tutelas 2004<\/a><\/div>\n<h4 class=\"pt-cv-title\"><a href=\"https:\/\/www.dmsjuridica.com\/buscador_20179478954\/corteconstitucionalcronologico202454587\/t-523-04\/\" class=\"_self\" target=\"_self\" >T-523-04<\/a><\/h4>\n<div class=\"pt-cv-content\">\u00a0 \u00a0 Sentencia T-523\/04 \u00a0 SERVICIO PUBLICO DE SALUD-Diferencias en la prestaci\u00f3n por falta de informaci\u00f3n al usuario\/DERECHO A LA INFORMACION EN MATERIA DE SALUD-Falta de orientaci\u00f3n hace que los tr\u00e1mites administrativos sean dispendiosos \u00a0 La Corte considera que si bien, existe una carga para los usuarios de los servicios de salud, en el sentido de realizar las gestiones que se necesiten para obtener la autorizaci\u00f3n y pr\u00e1ctica de procedimientos m\u00e9dicos, esta carga no puede llegar al punto de desconocer el derecho de informaci\u00f3n que efectivamente se les debe otorgar a los usuarios de estos servicios, pues en muchas ocasiones ...<br \/><div class=\"pt-cv-rmwrap\"><a href=\"https:\/\/www.dmsjuridica.com\/buscador_20179478954\/corteconstitucionalcronologico202454587\/t-523-04\/\" class=\"_self pt-cv-readmore btn btn-success\" target=\"_self\">Ver Sentencia Completa...<\/a><\/div><\/div><\/div><\/div>\n<div class=\"col-md-12 col-sm-12 col-xs-12 pt-cv-content-item pt-cv-1-col\" ><div class='pt-cv-ifield'><a href=\"https:\/\/www.dmsjuridica.com\/buscador_20179478954\/corteconstitucionalcronologico202454587\/t-522-04\/\" class=\"_self pt-cv-href-thumbnail pt-cv-thumb-default\" target=\"_self\" ><\/a>\n<div class=\"pt-cv-taxoterm above_title\"><a href='https:\/\/www.dmsjuridica.com\/buscador_20179478954\/corteconstitucionalcronologico202454587\/category\/buscar-en-toda-la-corte\/2004\/tutelas-2004\/' title='Tutelas 2004' class='pt-cv-tax-tutelas-2004'>Tutelas 2004<\/a><\/div>\n<h4 class=\"pt-cv-title\"><a href=\"https:\/\/www.dmsjuridica.com\/buscador_20179478954\/corteconstitucionalcronologico202454587\/t-522-04\/\" class=\"_self\" target=\"_self\" >T-522-04<\/a><\/h4>\n<div class=\"pt-cv-content\">\u00a0 \u00a0 Sentencia T-522\/04 \u00a0 DERECHO A LA SEGURIDAD SOCIAL-Obligaci\u00f3n de afiliar al trabajador\/DERECHO A LA SALUD-Omisi\u00f3n patronal de pago de aportes\/EMPLEADOR-Mora de aportes en salud \u00a0 DERECHO A LA SALUD-Mora en pago de aportes patronales \u00a0 DERECHO A LA SALUD-Orden para tratamiento de rehabilitaci\u00f3n visual \u00a0 Por lo anteriormente expuesto, considera esta Sala de Revisi\u00f3n que existe violaci\u00f3n de los derechos fundamentales del se\u00f1or Octavio Cadena Ramos, raz\u00f3n por la cual se revocar\u00e1 la decisi\u00f3n objeto de revisi\u00f3n, y se ordenar\u00e1 al gerente del Seguro Social o a quien haga sus veces, en caso de que no lo hubiere ...<br \/><div class=\"pt-cv-rmwrap\"><a href=\"https:\/\/www.dmsjuridica.com\/buscador_20179478954\/corteconstitucionalcronologico202454587\/t-522-04\/\" class=\"_self pt-cv-readmore btn btn-success\" target=\"_self\">Ver Sentencia Completa...<\/a><\/div><\/div><\/div><\/div>\n<div class=\"col-md-12 col-sm-12 col-xs-12 pt-cv-content-item pt-cv-1-col\" ><div class='pt-cv-ifield'><a href=\"https:\/\/www.dmsjuridica.com\/buscador_20179478954\/corteconstitucionalcronologico202454587\/t-521-04\/\" class=\"_self pt-cv-href-thumbnail pt-cv-thumb-default\" target=\"_self\" ><\/a>\n<div class=\"pt-cv-taxoterm above_title\"><a href='https:\/\/www.dmsjuridica.com\/buscador_20179478954\/corteconstitucionalcronologico202454587\/category\/buscar-en-toda-la-corte\/2004\/tutelas-2004\/' title='Tutelas 2004' class='pt-cv-tax-tutelas-2004'>Tutelas 2004<\/a><\/div>\n<h4 class=\"pt-cv-title\"><a href=\"https:\/\/www.dmsjuridica.com\/buscador_20179478954\/corteconstitucionalcronologico202454587\/t-521-04\/\" class=\"_self\" target=\"_self\" >T-521-04<\/a><\/h4>\n<div class=\"pt-cv-content\">\u00a0 \u00a0 Sentencia T-521\/04 \u00a0 DERECHO AL TRABAJO Y ESPACIO PUBLICO-Tensi\u00f3n que se presenta en caso de vendedores ambulantes \u00a0 PRINCIPIO DE LA CONFIANZA LEGITIMA \u00a0 Este principio de la confianza, como proyecci\u00f3n de la presunci\u00f3n de la buena fe que debe gobernar la relaci\u00f3n entre las autoridades y los particulares (CP art, 83), tiene cabida cuando \u201cse trata de situaciones en las cuales el administrado no tiene realmente un derecho adquirido, pues su posici\u00f3n jur\u00eddica es modificable por las autoridades\", pero, \"si la persona tiene razones objetivas para confiar en la durabilidad de la regulaci\u00f3n, y el cambio s\u00fabito ...<br \/><div class=\"pt-cv-rmwrap\"><a href=\"https:\/\/www.dmsjuridica.com\/buscador_20179478954\/corteconstitucionalcronologico202454587\/t-521-04\/\" class=\"_self pt-cv-readmore btn btn-success\" target=\"_self\">Ver Sentencia Completa...<\/a><\/div><\/div><\/div><\/div>\n<div class=\"col-md-12 col-sm-12 col-xs-12 pt-cv-content-item pt-cv-1-col\" ><div class='pt-cv-ifield'><a href=\"https:\/\/www.dmsjuridica.com\/buscador_20179478954\/corteconstitucionalcronologico202454587\/t-520-04\/\" class=\"_self pt-cv-href-thumbnail pt-cv-thumb-default\" target=\"_self\" ><\/a>\n<div class=\"pt-cv-taxoterm above_title\"><a href='https:\/\/www.dmsjuridica.com\/buscador_20179478954\/corteconstitucionalcronologico202454587\/category\/buscar-en-toda-la-corte\/2004\/tutelas-2004\/' title='Tutelas 2004' class='pt-cv-tax-tutelas-2004'>Tutelas 2004<\/a><\/div>\n<h4 class=\"pt-cv-title\"><a href=\"https:\/\/www.dmsjuridica.com\/buscador_20179478954\/corteconstitucionalcronologico202454587\/t-520-04\/\" class=\"_self\" target=\"_self\" >T-520-04<\/a><\/h4>\n<div class=\"pt-cv-content\">\u00a0 \u00a0 Sentencia T-520\/04 \u00a0 ACCION DE TUTELA-T\u00e9rmino razonable de presentaci\u00f3n\/ACCION DE TUTELA-Inmediatez \u00a0 En el expediente no se evidencia una justa causa que explique los motivos por los cuales el peticionario no acudi\u00f3 a la acci\u00f3n de tutela de manera oportuna, dentro de un t\u00e9rmino razonable, prudencial y adecuado, ni se infiere la ocurrencia de hechos nuevos que impusieran la eventual protecci\u00f3n del derecho fundamental invocado. As\u00ed entonces, en este caso se incumple con el presupuesto de inmediatez de la tutela, el cual constituye un requisito de procedibilidad de la acci\u00f3n. \u00a0 FALTA DE LEGITIMACION POR ACTIVA EN TUTELA-Demandante ...<br \/><div class=\"pt-cv-rmwrap\"><a href=\"https:\/\/www.dmsjuridica.com\/buscador_20179478954\/corteconstitucionalcronologico202454587\/t-520-04\/\" class=\"_self pt-cv-readmore btn btn-success\" target=\"_self\">Ver Sentencia Completa...<\/a><\/div><\/div><\/div><\/div>\n<div class=\"col-md-12 col-sm-12 col-xs-12 pt-cv-content-item pt-cv-1-col\" ><div class='pt-cv-ifield'><a href=\"https:\/\/www.dmsjuridica.com\/buscador_20179478954\/corteconstitucionalcronologico202454587\/t-519-04\/\" class=\"_self pt-cv-href-thumbnail pt-cv-thumb-default\" target=\"_self\" ><\/a>\n<div class=\"pt-cv-taxoterm above_title\"><a href='https:\/\/www.dmsjuridica.com\/buscador_20179478954\/corteconstitucionalcronologico202454587\/category\/buscar-en-toda-la-corte\/2004\/tutelas-2004\/' title='Tutelas 2004' class='pt-cv-tax-tutelas-2004'>Tutelas 2004<\/a><\/div>\n<h4 class=\"pt-cv-title\"><a href=\"https:\/\/www.dmsjuridica.com\/buscador_20179478954\/corteconstitucionalcronologico202454587\/t-519-04\/\" class=\"_self\" target=\"_self\" >T-519-04<\/a><\/h4>\n<div class=\"pt-cv-content\">\u00a0 \u00a0 Sentencia T-519\/04 \u00a0 DERECHO A LA SALUD-Fundamental por conexidad con la vida \u00a0 DERECHO A LA VIDA DIGNA-Alcance \u00a0 DERECHO A LA SALUD DE PERSONA DE LA TERCERA EDAD-Suministro de aud\u00edfonos \u00a0 Considerando que en el presente caso se han visto desmejoradas las condiciones de vida del demandante, como quiera que se trata de una persona de 70 a\u00f1os de edad, que merece protecci\u00f3n especial, considera la Sala que es procedente el amparo solicitado, pues se cumplen los requisitos jurisprudenciales para la inaplicaci\u00f3n de normas que excluyen tratamientos del P.O.S. Los aud\u00edfonos garantizan el uso del sentido del ...<br \/><div class=\"pt-cv-rmwrap\"><a href=\"https:\/\/www.dmsjuridica.com\/buscador_20179478954\/corteconstitucionalcronologico202454587\/t-519-04\/\" class=\"_self pt-cv-readmore btn btn-success\" target=\"_self\">Ver Sentencia Completa...<\/a><\/div><\/div><\/div><\/div>\n<div class=\"col-md-12 col-sm-12 col-xs-12 pt-cv-content-item pt-cv-1-col\" ><div class='pt-cv-ifield'><a href=\"https:\/\/www.dmsjuridica.com\/buscador_20179478954\/corteconstitucionalcronologico202454587\/t-518-04\/\" class=\"_self pt-cv-href-thumbnail pt-cv-thumb-default\" target=\"_self\" ><\/a>\n<div class=\"pt-cv-taxoterm above_title\"><a href='https:\/\/www.dmsjuridica.com\/buscador_20179478954\/corteconstitucionalcronologico202454587\/category\/buscar-en-toda-la-corte\/2004\/tutelas-2004\/' title='Tutelas 2004' class='pt-cv-tax-tutelas-2004'>Tutelas 2004<\/a><\/div>\n<h4 class=\"pt-cv-title\"><a href=\"https:\/\/www.dmsjuridica.com\/buscador_20179478954\/corteconstitucionalcronologico202454587\/t-518-04\/\" class=\"_self\" target=\"_self\" >T-518-04<\/a><\/h4>\n<div class=\"pt-cv-content\">\u00a0 \u00a0 Sentencia T-518\/04 \u00a0 DERECHO A LA PENSION-Fundamental por conexidad \u00a0 DERECHO A LA PENSION DE JUBILACION-El hecho de no cotizarle lo debido no afecta su reconocimiento \u00a0 Para el reconocimiento y pago pensional, el no aporte completo por parte de la entidad encargada de dicho pago no incide para que \u00e9ste le sea reconocido a la persona que por ley ha adquirido ese derecho \u00a0 ENTIDAD ADMINISTRADORA DE PENSIONES-Reconocimiento aunque empleador no hubiere cotizado algunos meses \u00a0 DERECHO A LA SEGURIDAD SOCIAL-Empleado no puede sufrir las consecuencias por la mora del empleador en pago de aportes \u00a0 La ...<br \/><div class=\"pt-cv-rmwrap\"><a href=\"https:\/\/www.dmsjuridica.com\/buscador_20179478954\/corteconstitucionalcronologico202454587\/t-518-04\/\" class=\"_self pt-cv-readmore btn btn-success\" target=\"_self\">Ver Sentencia Completa...<\/a><\/div><\/div><\/div><\/div>\n<div class=\"col-md-12 col-sm-12 col-xs-12 pt-cv-content-item pt-cv-1-col\" ><div class='pt-cv-ifield'><a href=\"https:\/\/www.dmsjuridica.com\/buscador_20179478954\/corteconstitucionalcronologico202454587\/t-506-04\/\" class=\"_self pt-cv-href-thumbnail pt-cv-thumb-default\" target=\"_self\" ><\/a>\n<div class=\"pt-cv-taxoterm above_title\"><a href='https:\/\/www.dmsjuridica.com\/buscador_20179478954\/corteconstitucionalcronologico202454587\/category\/buscar-en-toda-la-corte\/2004\/tutelas-2004\/' title='Tutelas 2004' class='pt-cv-tax-tutelas-2004'>Tutelas 2004<\/a><\/div>\n<h4 class=\"pt-cv-title\"><a href=\"https:\/\/www.dmsjuridica.com\/buscador_20179478954\/corteconstitucionalcronologico202454587\/t-506-04\/\" class=\"_self\" target=\"_self\" >T-506-04<\/a><\/h4>\n<div class=\"pt-cv-content\">\u00a0 \u00a0 Sentencia T-506\/04 \u00a0 ACCION DE TUTELA CONTRA PROVIDENCIAS JUDICIALES-Procedencia excepcional por v\u00eda de hecho judicial \u00a0 SUPERINTENDENCIA DE INDUSTRIA Y COMERCIO-Funciones administrativas y jurisdiccionales \u00a0 SUPERINTENDENCIA-Improcedencia de recursos en funci\u00f3n jurisdiccional \u00a0 RECURSO DE APELACION CONTRA FALLO DEFINITIVO EN INVESTIGACIONES POR COMPETENCIA DESLEAL-Procedencia a partir de sentencia C-415\/02 \u00a0 SENTENCIA-Congruencia entre parte motiva y resolutiva \u00a0 SUPERINTENDENCIA DE INDUSTRIA Y COMERCIO-No incurri\u00f3 en v\u00eda de hecho al no incluir en la parte resolutiva la decisi\u00f3n de negar el recurso de apelaci\u00f3n \u00a0 Es indiscutible que la ausencia en la parte resolutiva de la Resoluci\u00f3n del 4 de marzo ...<br \/><div class=\"pt-cv-rmwrap\"><a href=\"https:\/\/www.dmsjuridica.com\/buscador_20179478954\/corteconstitucionalcronologico202454587\/t-506-04\/\" class=\"_self pt-cv-readmore btn btn-success\" target=\"_self\">Ver Sentencia Completa...<\/a><\/div><\/div><\/div><\/div>\n<div class=\"col-md-12 col-sm-12 col-xs-12 pt-cv-content-item pt-cv-1-col\" ><div class='pt-cv-ifield'><a href=\"https:\/\/www.dmsjuridica.com\/buscador_20179478954\/corteconstitucionalcronologico202454587\/t-505-04\/\" class=\"_self pt-cv-href-thumbnail pt-cv-thumb-default\" target=\"_self\" ><\/a>\n<div class=\"pt-cv-taxoterm above_title\"><a href='https:\/\/www.dmsjuridica.com\/buscador_20179478954\/corteconstitucionalcronologico202454587\/category\/buscar-en-toda-la-corte\/2004\/tutelas-2004\/' title='Tutelas 2004' class='pt-cv-tax-tutelas-2004'>Tutelas 2004<\/a><\/div>\n<h4 class=\"pt-cv-title\"><a href=\"https:\/\/www.dmsjuridica.com\/buscador_20179478954\/corteconstitucionalcronologico202454587\/t-505-04\/\" class=\"_self\" target=\"_self\" >T-505-04<\/a><\/h4>\n<div class=\"pt-cv-content\">\u00a0 \u00a0 Sentencia T-505\/04 \u00a0 DERECHO AL MINIMO VITAL DEL TRABAJADOR-Presunci\u00f3n de afectaci\u00f3n por ausencia prolongada en pago de salarios \u00a0 ACCION DE TUTELA-Procedencia excepcional pago de acreencias laborales \u00a0 DERECHO AL MINIMO VITAL EN CONTRATO DE PRESTACION DE SERVICIOS-Exige un mayor an\u00e1lisis por parte del Juez de Tutela \u00a0 Es importante se\u00f1alar que en los casos en los cuales las relaciones de trabajo se rigen por contratos civiles de prestaci\u00f3n de servicio; es decir, que no existe un contrato de car\u00e1cter laboral, la afectaci\u00f3n del m\u00ednimo vital requiere un mayor an\u00e1lisis por parte del juez de tutela ya que ...<br \/><div class=\"pt-cv-rmwrap\"><a href=\"https:\/\/www.dmsjuridica.com\/buscador_20179478954\/corteconstitucionalcronologico202454587\/t-505-04\/\" class=\"_self pt-cv-readmore btn btn-success\" target=\"_self\">Ver Sentencia Completa...<\/a><\/div><\/div><\/div><\/div>\n<div class=\"col-md-12 col-sm-12 col-xs-12 pt-cv-content-item pt-cv-1-col\" ><div class='pt-cv-ifield'><a href=\"https:\/\/www.dmsjuridica.com\/buscador_20179478954\/corteconstitucionalcronologico202454587\/t-504-04\/\" class=\"_self pt-cv-href-thumbnail pt-cv-thumb-default\" target=\"_self\" ><\/a>\n<div class=\"pt-cv-taxoterm above_title\"><a href='https:\/\/www.dmsjuridica.com\/buscador_20179478954\/corteconstitucionalcronologico202454587\/category\/buscar-en-toda-la-corte\/2004\/tutelas-2004\/' title='Tutelas 2004' class='pt-cv-tax-tutelas-2004'>Tutelas 2004<\/a><\/div>\n<h4 class=\"pt-cv-title\"><a href=\"https:\/\/www.dmsjuridica.com\/buscador_20179478954\/corteconstitucionalcronologico202454587\/t-504-04\/\" class=\"_self\" target=\"_self\" >T-504-04<\/a><\/h4>\n<div class=\"pt-cv-content\">\u00a0 \u00a0 Sentencia T-504\/04 \u00a0 LICENCIA DE MATERNIDAD-Objeto\/LICENCIA DE MATERNIDAD-Protecci\u00f3n constitucional \u00a0 La licencia de maternidad constituye una de las prestaciones econ\u00f3micas que representan la materializaci\u00f3n de los derechos constitucionales consagrados a favor de la mujer. Dada la naturaleza econ\u00f3mica de esta prestaci\u00f3n, su reconocimiento hace parte de los derechos de segunda generaci\u00f3n, por lo que, por principio, las controversias que sobre ella resulten ser\u00e1n de competencia de la jurisdicci\u00f3n ordinaria. La Corte ha sostenido que esta regla general sobre la licencia de maternidad no se opone a que, bajo determinadas circunstancias, la acci\u00f3n de tutela constituya el mecanismo de ...<br \/><div class=\"pt-cv-rmwrap\"><a href=\"https:\/\/www.dmsjuridica.com\/buscador_20179478954\/corteconstitucionalcronologico202454587\/t-504-04\/\" class=\"_self pt-cv-readmore btn btn-success\" target=\"_self\">Ver Sentencia Completa...<\/a><\/div><\/div><\/div><\/div>\n<div class=\"col-md-12 col-sm-12 col-xs-12 pt-cv-content-item pt-cv-1-col\" ><div class='pt-cv-ifield'><a href=\"https:\/\/www.dmsjuridica.com\/buscador_20179478954\/corteconstitucionalcronologico202454587\/t-503-04\/\" class=\"_self pt-cv-href-thumbnail pt-cv-thumb-default\" target=\"_self\" ><\/a>\n<div class=\"pt-cv-taxoterm above_title\"><a href='https:\/\/www.dmsjuridica.com\/buscador_20179478954\/corteconstitucionalcronologico202454587\/category\/buscar-en-toda-la-corte\/2004\/tutelas-2004\/' title='Tutelas 2004' class='pt-cv-tax-tutelas-2004'>Tutelas 2004<\/a><\/div>\n<h4 class=\"pt-cv-title\"><a href=\"https:\/\/www.dmsjuridica.com\/buscador_20179478954\/corteconstitucionalcronologico202454587\/t-503-04\/\" class=\"_self\" target=\"_self\" >T-503-04<\/a><\/h4>\n<div class=\"pt-cv-content\">\u00a0 \u00a0 Sentencia T-503\/04 \u00a0 COSA JUZGADA-Liquidaci\u00f3n de la sociedad conyugal\/COSA JUZGADA-Apoderado del demandado pod\u00eda plantearla como excepci\u00f3n previa o de fondo\/COSA JUZGADA-Apoderado del demandado solicit\u00f3 nulidad del auto admisorio de la demanda \u00a0 Para la Sala es claro que se trataba de una demanda mediante la cual se pretend\u00eda promover un litigio respecto del cual ya exist\u00eda cosa juzgada. En efecto, el 27 de junio de 1975 se hab\u00eda proferido la sentencia de liquidaci\u00f3n de la sociedad conyugal y ese fallo se encontraba ejecutoriado. Ante ese hecho, el apoderado pod\u00eda plantear la excepci\u00f3n de cosa juzgada, bien sea como ...<br \/><div class=\"pt-cv-rmwrap\"><a href=\"https:\/\/www.dmsjuridica.com\/buscador_20179478954\/corteconstitucionalcronologico202454587\/t-503-04\/\" class=\"_self pt-cv-readmore btn btn-success\" target=\"_self\">Ver Sentencia Completa...<\/a><\/div><\/div><\/div><\/div>\n<div class=\"col-md-12 col-sm-12 col-xs-12 pt-cv-content-item pt-cv-1-col\" ><div class='pt-cv-ifield'><a href=\"https:\/\/www.dmsjuridica.com\/buscador_20179478954\/corteconstitucionalcronologico202454587\/t-502-04\/\" class=\"_self pt-cv-href-thumbnail pt-cv-thumb-default\" target=\"_self\" ><\/a>\n<div class=\"pt-cv-taxoterm above_title\"><a href='https:\/\/www.dmsjuridica.com\/buscador_20179478954\/corteconstitucionalcronologico202454587\/category\/buscar-en-toda-la-corte\/2004\/tutelas-2004\/' title='Tutelas 2004' class='pt-cv-tax-tutelas-2004'>Tutelas 2004<\/a><\/div>\n<h4 class=\"pt-cv-title\"><a href=\"https:\/\/www.dmsjuridica.com\/buscador_20179478954\/corteconstitucionalcronologico202454587\/t-502-04\/\" class=\"_self\" target=\"_self\" >T-502-04<\/a><\/h4>\n<div class=\"pt-cv-content\">\u00a0 \u00a0 Sentencia T-502\/04 \u00a0 SISTEMA GENERAL DE SEGURIDAD SOCIAL EN SALUD-Afiliaci\u00f3n se hace al sistema no a una entidad promotora de salud \u00a0 ENTIDAD PROMOTORA DE SALUD-Si hay afiliaci\u00f3n m\u00faltiple no est\u00e1 autorizada para cancelar contrato autom\u00e1tica y unilateralmente\/ENTIDAD PROMOTORA DE SALUD-Posici\u00f3n que debe adoptar frente a afiliaci\u00f3n m\u00faltiple \u00a0 En la sentencia T-1313 de 2001 (M.P. Jaime C\u00f3rdoba Trivi\u00f1o) se decidi\u00f3 que \u201c(\u2026) el procedimiento a seguir por parte de las Empresas Promotoras de Seguridad Social en Salud cuando apliquen las normas sobre afiliaci\u00f3n m\u00faltiple debe garantizar el derecho al debido proceso y el derecho a la defensa ...<br \/><div class=\"pt-cv-rmwrap\"><a href=\"https:\/\/www.dmsjuridica.com\/buscador_20179478954\/corteconstitucionalcronologico202454587\/t-502-04\/\" class=\"_self pt-cv-readmore btn btn-success\" target=\"_self\">Ver Sentencia Completa...<\/a><\/div><\/div><\/div><\/div>\n<div class=\"col-md-12 col-sm-12 col-xs-12 pt-cv-content-item pt-cv-1-col\" ><div class='pt-cv-ifield'><a href=\"https:\/\/www.dmsjuridica.com\/buscador_20179478954\/corteconstitucionalcronologico202454587\/t-501-04\/\" class=\"_self pt-cv-href-thumbnail pt-cv-thumb-default\" target=\"_self\" ><\/a>\n<div class=\"pt-cv-taxoterm above_title\"><a href='https:\/\/www.dmsjuridica.com\/buscador_20179478954\/corteconstitucionalcronologico202454587\/category\/buscar-en-toda-la-corte\/2004\/tutelas-2004\/' title='Tutelas 2004' class='pt-cv-tax-tutelas-2004'>Tutelas 2004<\/a><\/div>\n<h4 class=\"pt-cv-title\"><a href=\"https:\/\/www.dmsjuridica.com\/buscador_20179478954\/corteconstitucionalcronologico202454587\/t-501-04\/\" class=\"_self\" target=\"_self\" >T-501-04<\/a><\/h4>\n<div class=\"pt-cv-content\">\u00a0 \u00a0 Sentencia T-501\/04 \u00a0 MUJER EMBARAZADA-Protecci\u00f3n constitucional especial \u00a0 DERECHO A LA ESTABILIDAD LABORAL REFORZADA DE MUJER EMBARAZADA-Car\u00e1cter fundamental \u00a0 DERECHOS FUNDAMENTALES DE MUJER EMBARAZADA-Alcance \u00a0 ACCION DE TUTELA TRANSITORIA DE MUJER EMBARAZADA-Elementos f\u00e1cticos que deben demostrarse \u00a0 ACCION DE TUTELA TRANSITORIA-Casos excepcionales de reintegro por despido de mujer embarazada \u00a0 ACCION DE TUTELA TRANSITORIA DE MUJER EMBARAZADA-Reintegro al cargo que desempe\u00f1aba \u00a0 Referencia: expediente T-841372 \u00a0 Acci\u00f3n de tutela instaurada por Solangel Orjuela D\u00edaz contra el Instituto de Seguros Sociales I.S.S. \u2013 Seccional Bogot\u00e1 \u00a0 Magistrada Ponente: \u00a0 Dra. CLARA IN\u00c9S VARGAS HERN\u00c1NDEZ \u00a0 Bogot\u00e1, D. C., veinte ...<br \/><div class=\"pt-cv-rmwrap\"><a href=\"https:\/\/www.dmsjuridica.com\/buscador_20179478954\/corteconstitucionalcronologico202454587\/t-501-04\/\" class=\"_self pt-cv-readmore btn btn-success\" target=\"_self\">Ver Sentencia Completa...<\/a><\/div><\/div><\/div><\/div>\n<div class=\"col-md-12 col-sm-12 col-xs-12 pt-cv-content-item pt-cv-1-col\" ><div class='pt-cv-ifield'><a href=\"https:\/\/www.dmsjuridica.com\/buscador_20179478954\/corteconstitucionalcronologico202454587\/t-499-04\/\" class=\"_self pt-cv-href-thumbnail pt-cv-thumb-default\" target=\"_self\" ><\/a>\n<div class=\"pt-cv-taxoterm above_title\"><a href='https:\/\/www.dmsjuridica.com\/buscador_20179478954\/corteconstitucionalcronologico202454587\/category\/buscar-en-toda-la-corte\/2004\/tutelas-2004\/' title='Tutelas 2004' class='pt-cv-tax-tutelas-2004'>Tutelas 2004<\/a><\/div>\n<h4 class=\"pt-cv-title\"><a href=\"https:\/\/www.dmsjuridica.com\/buscador_20179478954\/corteconstitucionalcronologico202454587\/t-499-04\/\" class=\"_self\" target=\"_self\" >T-499-04<\/a><\/h4>\n<div class=\"pt-cv-content\">\u00a0 \u00a0 Sentencia T-499\/04 \u00a0 DERECHO DE PETICION EN MATERIA PENSIONAL Y SILENCIO ADMINISTRATIVO NEGATIVO\/ACCION DE TUTELA-Hecho superado por reconocimiento de pensi\u00f3n \u00a0 \u00a0 Reiteraci\u00f3n de Jurisprudencia \u00a0 Referencia: expediente T-844514 \u00a0 Acci\u00f3n de tutela interpuesta por Sergio Enrique Gustavo Bobillier contra el Instituto de Seguros Sociales Seccional Cundinamarca. \u00a0 Magistrado Ponente: \u00a0 Dra. CLARA IN\u00c9S VARGAS HERN\u00c1NDEZ \u00a0 Bogot\u00e1, D. C., veinte (20) de mayo de dos mil cuatro (2004). \u00a0 La Sala Novena de Revisi\u00f3n de la Corte Constitucional, en ejercicio de sus competencias constitucionales y legales, espec\u00edficamente las previstas en los art\u00edculos 86 y 241, numeral 9 ...<br \/><div class=\"pt-cv-rmwrap\"><a href=\"https:\/\/www.dmsjuridica.com\/buscador_20179478954\/corteconstitucionalcronologico202454587\/t-499-04\/\" class=\"_self pt-cv-readmore btn btn-success\" target=\"_self\">Ver Sentencia Completa...<\/a><\/div><\/div><\/div><\/div>\n<div class=\"col-md-12 col-sm-12 col-xs-12 pt-cv-content-item pt-cv-1-col\" ><div class='pt-cv-ifield'><a href=\"https:\/\/www.dmsjuridica.com\/buscador_20179478954\/corteconstitucionalcronologico202454587\/t-498-04\/\" class=\"_self pt-cv-href-thumbnail pt-cv-thumb-default\" target=\"_self\" ><\/a>\n<div class=\"pt-cv-taxoterm above_title\"><a href='https:\/\/www.dmsjuridica.com\/buscador_20179478954\/corteconstitucionalcronologico202454587\/category\/buscar-en-toda-la-corte\/2004\/tutelas-2004\/' title='Tutelas 2004' class='pt-cv-tax-tutelas-2004'>Tutelas 2004<\/a><\/div>\n<h4 class=\"pt-cv-title\"><a href=\"https:\/\/www.dmsjuridica.com\/buscador_20179478954\/corteconstitucionalcronologico202454587\/t-498-04\/\" class=\"_self\" target=\"_self\" >T-498-04<\/a><\/h4>\n<div class=\"pt-cv-content\">\u00a0 \u00a0 Sentencia T-498\/04 \u00a0 SISTEMA GENERAL DE SEGURIDAD SOCIAL EN SALUD-Alcance \u00a0 SISTEMA GENERAL DE SEGURIDAD SOCIAL EN SALUD-Reglamentaci\u00f3n \u00a0 REGIMEN SUBSIDIADO DE SEGURIDAD SOCIAL EN SALUD-Participantes vinculados\/SISBEN-Deber de atender a los participantes vinculados al sistema de salud\/ADMINISTRADORA DEL REGIMEN SUBSIDIADO-Asignaci\u00f3n est\u00e1 sometida a procedimientos administrativos \u00a0 Como se anot\u00f3, la asignaci\u00f3n de una A.R.S., esta sometida a procedimientos administrativos que la Corte no puede ignorar ni pasar por alto, pero seg\u00fan lo tiene definido la jurisprudencia de esta Corporaci\u00f3n, s\u00ed est\u00e1 obligada la Corte desde su misi\u00f3n de garante de los derechos fundamentales a poner de presente que ...<br \/><div class=\"pt-cv-rmwrap\"><a href=\"https:\/\/www.dmsjuridica.com\/buscador_20179478954\/corteconstitucionalcronologico202454587\/t-498-04\/\" class=\"_self pt-cv-readmore btn btn-success\" target=\"_self\">Ver Sentencia Completa...<\/a><\/div><\/div><\/div><\/div>\n<div class=\"col-md-12 col-sm-12 col-xs-12 pt-cv-content-item pt-cv-1-col\" ><div class='pt-cv-ifield'><a href=\"https:\/\/www.dmsjuridica.com\/buscador_20179478954\/corteconstitucionalcronologico202454587\/t-497-04\/\" class=\"_self pt-cv-href-thumbnail pt-cv-thumb-default\" target=\"_self\" ><\/a>\n<div class=\"pt-cv-taxoterm above_title\"><a href='https:\/\/www.dmsjuridica.com\/buscador_20179478954\/corteconstitucionalcronologico202454587\/category\/buscar-en-toda-la-corte\/2004\/tutelas-2004\/' title='Tutelas 2004' class='pt-cv-tax-tutelas-2004'>Tutelas 2004<\/a><\/div>\n<h4 class=\"pt-cv-title\"><a href=\"https:\/\/www.dmsjuridica.com\/buscador_20179478954\/corteconstitucionalcronologico202454587\/t-497-04\/\" class=\"_self\" target=\"_self\" >T-497-04<\/a><\/h4>\n<div class=\"pt-cv-content\">\u00a0 \u00a0 Sentencia T-497\/04 \u00a0 ACCION DE TUTELA-Inmediatez en caso de acreencias laborales \u00a0 Las reclamaciones de orden laboral que la peticionaria pretende hacer valer por v\u00eda de tutela, se causaron entre los a\u00f1os de 1996 y 1999, es decir, hace m\u00e1s de cuatro (4) a\u00f1os, con lo cual, queda desvirtuada la inminencia de un perjuicio irremediable y la posible afectaci\u00f3n de sus condiciones elementales de vida. \u00a0 Reiteraci\u00f3n de Jurisprudencia \u00a0 Referencia: expediente T-841388 \u00a0 Acci\u00f3n de tutela instaurada por Adriana Nivia Bello contra la Secretar\u00eda de Gobierno de Bogot\u00e1.\u00a0 \u00a0 Magistrado Ponente: \u00a0 Dr. EDUARDO MONTEALEGRE LYNETT \u00a0 ...<br \/><div class=\"pt-cv-rmwrap\"><a href=\"https:\/\/www.dmsjuridica.com\/buscador_20179478954\/corteconstitucionalcronologico202454587\/t-497-04\/\" class=\"_self pt-cv-readmore btn btn-success\" target=\"_self\">Ver Sentencia Completa...<\/a><\/div><\/div><\/div><\/div>\n<div class=\"col-md-12 col-sm-12 col-xs-12 pt-cv-content-item pt-cv-1-col\" ><div class='pt-cv-ifield'><a href=\"https:\/\/www.dmsjuridica.com\/buscador_20179478954\/corteconstitucionalcronologico202454587\/t-496-04\/\" class=\"_self pt-cv-href-thumbnail pt-cv-thumb-default\" target=\"_self\" ><\/a>\n<div class=\"pt-cv-taxoterm above_title\"><a href='https:\/\/www.dmsjuridica.com\/buscador_20179478954\/corteconstitucionalcronologico202454587\/category\/buscar-en-toda-la-corte\/2004\/tutelas-2004\/' title='Tutelas 2004' class='pt-cv-tax-tutelas-2004'>Tutelas 2004<\/a><\/div>\n<h4 class=\"pt-cv-title\"><a href=\"https:\/\/www.dmsjuridica.com\/buscador_20179478954\/corteconstitucionalcronologico202454587\/t-496-04\/\" class=\"_self\" target=\"_self\" >T-496-04<\/a><\/h4>\n<div class=\"pt-cv-content\">\u00a0 \u00a0 Sentencia T-496\/04 \u00a0 DERECHO DE PETICION-Sentido y alcance\/DERECHO DE PETICION-Vulneraci\u00f3n cuando se responde de manera indiscriminada y en t\u00e9rminos abstractos \u00a0 La respuesta que emite la administraci\u00f3n se aprecia ambig\u00fca a la definici\u00f3n de lo pedido y subyace en ella un inter\u00e9s por no responder de manera directa y cierta a lo solicitado. Especialmente, la pregunta relativa a cu\u00e1l fue el juez laboral que realiz\u00f3 el proceso de levantamiento de fuero sindical y por lo tanto emiti\u00f3 la orden judicial correspondiente autorizando el despido de la Secretar\u00eda de Educaci\u00f3n de la accionante, no esta siquiera someramente tratada ni ...<br \/><div class=\"pt-cv-rmwrap\"><a href=\"https:\/\/www.dmsjuridica.com\/buscador_20179478954\/corteconstitucionalcronologico202454587\/t-496-04\/\" class=\"_self pt-cv-readmore btn btn-success\" target=\"_self\">Ver Sentencia Completa...<\/a><\/div><\/div><\/div><\/div>\n<div class=\"col-md-12 col-sm-12 col-xs-12 pt-cv-content-item pt-cv-1-col\" ><div class='pt-cv-ifield'><a href=\"https:\/\/www.dmsjuridica.com\/buscador_20179478954\/corteconstitucionalcronologico202454587\/t-495-04\/\" class=\"_self pt-cv-href-thumbnail pt-cv-thumb-default\" target=\"_self\" ><\/a>\n<div class=\"pt-cv-taxoterm above_title\"><a href='https:\/\/www.dmsjuridica.com\/buscador_20179478954\/corteconstitucionalcronologico202454587\/category\/buscar-en-toda-la-corte\/2004\/tutelas-2004\/' title='Tutelas 2004' class='pt-cv-tax-tutelas-2004'>Tutelas 2004<\/a><\/div>\n<h4 class=\"pt-cv-title\"><a href=\"https:\/\/www.dmsjuridica.com\/buscador_20179478954\/corteconstitucionalcronologico202454587\/t-495-04\/\" class=\"_self\" target=\"_self\" >T-495-04<\/a><\/h4>\n<div class=\"pt-cv-content\">\u00a0 \u00a0 Sentencia T-495\/04 \u00a0 ACCION DE TUTELA CONTRA PROVIDENCIAS JUDICIALES-No procede para enjuiciar valoraci\u00f3n probatoria hecha por el juez en una controversia \u00a0 Referencia: expediente T-841440 \u00a0 Accionantes: Luis Enrique Betancur Arenas y Omar Guillermo Olaya Cardona \u00a0 Demandado: Sala D\u00e9cima de Decisi\u00f3n Laboral del Tribunal Superior del Distrito Judicial de Medell\u00edn \u00a0 Magistrado Ponente:\u00a0 \u00a0 Dr. RODRIGO ESCOBAR GIL \u00a0 Bogot\u00e1, D.C., veinte (20) de mayo de dos mil cuatro (2004). \u00a0 La Sala Quinta de Revisi\u00f3n de la Corte Constitucional, integrada por los Magistrados Rodrigo Escobar Gil - Presidente -, Marco Gerardo Monroy Cabra y Eduardo Montealegre ...<br \/><div class=\"pt-cv-rmwrap\"><a href=\"https:\/\/www.dmsjuridica.com\/buscador_20179478954\/corteconstitucionalcronologico202454587\/t-495-04\/\" class=\"_self pt-cv-readmore btn btn-success\" target=\"_self\">Ver Sentencia Completa...<\/a><\/div><\/div><\/div><\/div>\n<div class=\"col-md-12 col-sm-12 col-xs-12 pt-cv-content-item pt-cv-1-col\" ><div class='pt-cv-ifield'><a href=\"https:\/\/www.dmsjuridica.com\/buscador_20179478954\/corteconstitucionalcronologico202454587\/t-494-04\/\" class=\"_self pt-cv-href-thumbnail pt-cv-thumb-default\" target=\"_self\" ><\/a>\n<div class=\"pt-cv-taxoterm above_title\"><a href='https:\/\/www.dmsjuridica.com\/buscador_20179478954\/corteconstitucionalcronologico202454587\/category\/buscar-en-toda-la-corte\/2004\/tutelas-2004\/' title='Tutelas 2004' class='pt-cv-tax-tutelas-2004'>Tutelas 2004<\/a><\/div>\n<h4 class=\"pt-cv-title\"><a href=\"https:\/\/www.dmsjuridica.com\/buscador_20179478954\/corteconstitucionalcronologico202454587\/t-494-04\/\" class=\"_self\" target=\"_self\" >T-494-04<\/a><\/h4>\n<div class=\"pt-cv-content\">\u00a0 \u00a0 Sentencia T-494\/04 \u00a0 Reiteraci\u00f3n de Jurisprudencia \u00a0 Referencia: expediente T-842835 \u00a0 Acci\u00f3n de tutela instaurada por ALVARO ORLANDO PEREZ ORDO\u00d1EZ contra el Consejo Superior de la Judicatura. \u00a0 Magistrado ponente: \u00a0 Dr. RODRIGO ESCOBAR GIL. \u00a0 Bogot\u00e1, D.C., veinte (20) de mayo de dos mil cuatro (2004). \u00a0 La Sala Quinta de Revisi\u00f3n de la Corte Constitucional en ejercicio de sus competencias constitucionales y legales, espec\u00edficamente las previstas en los art\u00edculos 86 y 241, numeral 9\u00ba de la Constituci\u00f3n Pol\u00edtica y en los art\u00edculos 33 y siguientes del Decreto 2591 de 1991, profiere la siguiente \u00a0 SENTENCIA \u00a0 ...<br \/><div class=\"pt-cv-rmwrap\"><a href=\"https:\/\/www.dmsjuridica.com\/buscador_20179478954\/corteconstitucionalcronologico202454587\/t-494-04\/\" class=\"_self pt-cv-readmore btn btn-success\" target=\"_self\">Ver Sentencia Completa...<\/a><\/div><\/div><\/div><\/div>\n<div class=\"col-md-12 col-sm-12 col-xs-12 pt-cv-content-item pt-cv-1-col\" ><div class='pt-cv-ifield'><a href=\"https:\/\/www.dmsjuridica.com\/buscador_20179478954\/corteconstitucionalcronologico202454587\/t-493-04\/\" class=\"_self pt-cv-href-thumbnail pt-cv-thumb-default\" target=\"_self\" ><\/a>\n<div class=\"pt-cv-taxoterm above_title\"><a href='https:\/\/www.dmsjuridica.com\/buscador_20179478954\/corteconstitucionalcronologico202454587\/category\/buscar-en-toda-la-corte\/2004\/tutelas-2004\/' title='Tutelas 2004' class='pt-cv-tax-tutelas-2004'>Tutelas 2004<\/a><\/div>\n<h4 class=\"pt-cv-title\"><a href=\"https:\/\/www.dmsjuridica.com\/buscador_20179478954\/corteconstitucionalcronologico202454587\/t-493-04\/\" class=\"_self\" target=\"_self\" >T-493-04<\/a><\/h4>\n<div class=\"pt-cv-content\">\u00a0 \u00a0 Sentencia T-493\/04 \u00a0 SERVICIO MILITAR OBLIGATORIO-Obligaci\u00f3n de practicar los ex\u00e1menes m\u00e9dicos necesarios cuando se alegue la existencia de una lesi\u00f3n o enfermedad \u00a0 DERECHO A LA SALUD DE EX SOLDADO QUE FUE VICTIMA DE SECUESTRO-Derecho a recibir una nueva evaluaci\u00f3n m\u00e9dica \u00a0 La solicitud del accionante presenta una base objetiva, su secuestro durante el servicio, a partir de la cual es posible concluir razonablemente que la sintomatolg\u00eda que manifiesta, puede ser atribuible a tal situaci\u00f3n. Por otro lado, la presunci\u00f3n de buena fe hace imperativo que en presencia de esa situaci\u00f3n objetiva, la manifestaci\u00f3n del ex \u2013 soldado ...<br \/><div class=\"pt-cv-rmwrap\"><a href=\"https:\/\/www.dmsjuridica.com\/buscador_20179478954\/corteconstitucionalcronologico202454587\/t-493-04\/\" class=\"_self pt-cv-readmore btn btn-success\" target=\"_self\">Ver Sentencia Completa...<\/a><\/div><\/div><\/div><\/div>\n<div class=\"col-md-12 col-sm-12 col-xs-12 pt-cv-content-item pt-cv-1-col\" ><div class='pt-cv-ifield'><a href=\"https:\/\/www.dmsjuridica.com\/buscador_20179478954\/corteconstitucionalcronologico202454587\/t-492-04\/\" class=\"_self pt-cv-href-thumbnail pt-cv-thumb-default\" target=\"_self\" ><\/a>\n<div class=\"pt-cv-taxoterm above_title\"><a href='https:\/\/www.dmsjuridica.com\/buscador_20179478954\/corteconstitucionalcronologico202454587\/category\/buscar-en-toda-la-corte\/2004\/tutelas-2004\/' title='Tutelas 2004' class='pt-cv-tax-tutelas-2004'>Tutelas 2004<\/a><\/div>\n<h4 class=\"pt-cv-title\"><a href=\"https:\/\/www.dmsjuridica.com\/buscador_20179478954\/corteconstitucionalcronologico202454587\/t-492-04\/\" class=\"_self\" target=\"_self\" >T-492-04<\/a><\/h4>\n<div class=\"pt-cv-content\">\u00a0 \u00a0 Sentencia T-492\/04 \u00a0 DERECHO A LA SALUD-Comprende aspectos f\u00edsicos y psicol\u00f3gicos\/DERECHO A LA SALUD-Cirug\u00eda de reconstrucci\u00f3n f\u00e1lica\/PRINCIPIO DE AUTONOMIA EN MATERIA MEDICA-Aplicaci\u00f3n \u00a0 Al actor la IPS le ha vulnerado sus derechos fundamentales en relaci\u00f3n con su solicitud de que se le practique la cirug\u00eda reconstructiva. Pues, una negativa para hacerlo debe ser fundada e informada en debida forma al paciente, de lo contrario, no se est\u00e1 dando cumplimiento al derecho a la salud en forma integral en conexidad con la dignidad del ser humano. M\u00e1s en este caso en donde est\u00e1n comprometidos aspectos de connotaci\u00f3n psicol\u00f3gica, pues ...<br \/><div class=\"pt-cv-rmwrap\"><a href=\"https:\/\/www.dmsjuridica.com\/buscador_20179478954\/corteconstitucionalcronologico202454587\/t-492-04\/\" class=\"_self pt-cv-readmore btn btn-success\" target=\"_self\">Ver Sentencia Completa...<\/a><\/div><\/div><\/div><\/div>\n<div class=\"col-md-12 col-sm-12 col-xs-12 pt-cv-content-item pt-cv-1-col\" ><div class='pt-cv-ifield'><a href=\"https:\/\/www.dmsjuridica.com\/buscador_20179478954\/corteconstitucionalcronologico202454587\/t-491-04\/\" class=\"_self pt-cv-href-thumbnail pt-cv-thumb-default\" target=\"_self\" ><\/a>\n<div class=\"pt-cv-taxoterm above_title\"><a href='https:\/\/www.dmsjuridica.com\/buscador_20179478954\/corteconstitucionalcronologico202454587\/category\/buscar-en-toda-la-corte\/2004\/tutelas-2004\/' title='Tutelas 2004' class='pt-cv-tax-tutelas-2004'>Tutelas 2004<\/a><\/div>\n<h4 class=\"pt-cv-title\"><a href=\"https:\/\/www.dmsjuridica.com\/buscador_20179478954\/corteconstitucionalcronologico202454587\/t-491-04\/\" class=\"_self\" target=\"_self\" >T-491-04<\/a><\/h4>\n<div class=\"pt-cv-content\">\u00a0 \u00a0 Sentencia T-491\/04 \u00a0 ACCION DE TUTELA-Hecho superado por cubrimiento de atenci\u00f3n m\u00e9dica durante el tr\u00e1mite de \u00e9sta \u00a0 Reiteraci\u00f3n de Jurisprudencia \u00a0 Referencia: expediente T-849011 \u00a0 Acci\u00f3n de tutela instaurada por Martha Jeanneth Peralta Camacho contra Comfenalco A.R.S. \u00a0 Magistrado Ponente: \u00a0 Bogot\u00e1, D.C., veinte (20) de mayo de dos mil cuatro (2004). \u00a0 La Sala S\u00e9ptima de Revisi\u00f3n de la Corte Constitucional, integrada por los Magistrados Eduardo Montealegre Lynett, quien la preside, \u00c1lvaro Tafur Galvis y Clara In\u00e9s Vargas Hern\u00e1ndez, en ejercicio de sus competencias constitucionales y legales, en particular las contenidas en los art\u00edculos 86 y ...<br \/><div class=\"pt-cv-rmwrap\"><a href=\"https:\/\/www.dmsjuridica.com\/buscador_20179478954\/corteconstitucionalcronologico202454587\/t-491-04\/\" class=\"_self pt-cv-readmore btn btn-success\" target=\"_self\">Ver Sentencia Completa...<\/a><\/div><\/div><\/div><\/div>\n<div class=\"col-md-12 col-sm-12 col-xs-12 pt-cv-content-item pt-cv-1-col\" ><div class='pt-cv-ifield'><a href=\"https:\/\/www.dmsjuridica.com\/buscador_20179478954\/corteconstitucionalcronologico202454587\/t-490-04\/\" class=\"_self pt-cv-href-thumbnail pt-cv-thumb-default\" target=\"_self\" ><\/a>\n<div class=\"pt-cv-taxoterm above_title\"><a href='https:\/\/www.dmsjuridica.com\/buscador_20179478954\/corteconstitucionalcronologico202454587\/category\/buscar-en-toda-la-corte\/2004\/tutelas-2004\/' title='Tutelas 2004' class='pt-cv-tax-tutelas-2004'>Tutelas 2004<\/a><\/div>\n<h4 class=\"pt-cv-title\"><a href=\"https:\/\/www.dmsjuridica.com\/buscador_20179478954\/corteconstitucionalcronologico202454587\/t-490-04\/\" class=\"_self\" target=\"_self\" >T-490-04<\/a><\/h4>\n<div class=\"pt-cv-content\">\u00a0 \u00a0 Sentencia T-490\/04 \u00a0 DOCTRINA CONSTITUCIONAL SOBRE RELACIONES DE ESPECIAL SUJECION-Caracter\u00edsticas \u00a0 (i) La subordinaci\u00f3n de una parte (el recluso), a la otra (el Estado); (ii) la cual se concreta en el sometimiento del interno a un r\u00e9gimen jur\u00eddico especial (controles disciplinarios y administrativos especiales, y posibilidad de limitar el ejercicio de derechos, incluso fundamentales). (iii) Este r\u00e9gimen en cuanto al ejercicio de la potestad disciplinaria especial y a la limitaci\u00f3n de los derechos fundamentales debe estar autorizado por la Constituci\u00f3n y la ley. (iv) La finalidad del ejercicio de la potestad disciplinaria y de la limitaci\u00f3n de los ...<br \/><div class=\"pt-cv-rmwrap\"><a href=\"https:\/\/www.dmsjuridica.com\/buscador_20179478954\/corteconstitucionalcronologico202454587\/t-490-04\/\" class=\"_self pt-cv-readmore btn btn-success\" target=\"_self\">Ver Sentencia Completa...<\/a><\/div><\/div><\/div><\/div>\n<div class=\"col-md-12 col-sm-12 col-xs-12 pt-cv-content-item pt-cv-1-col\" ><div class='pt-cv-ifield'><a href=\"https:\/\/www.dmsjuridica.com\/buscador_20179478954\/corteconstitucionalcronologico202454587\/t-489-04\/\" class=\"_self pt-cv-href-thumbnail pt-cv-thumb-default\" target=\"_self\" ><\/a>\n<div class=\"pt-cv-taxoterm above_title\"><a href='https:\/\/www.dmsjuridica.com\/buscador_20179478954\/corteconstitucionalcronologico202454587\/category\/buscar-en-toda-la-corte\/2004\/tutelas-2004\/' title='Tutelas 2004' class='pt-cv-tax-tutelas-2004'>Tutelas 2004<\/a><\/div>\n<h4 class=\"pt-cv-title\"><a href=\"https:\/\/www.dmsjuridica.com\/buscador_20179478954\/corteconstitucionalcronologico202454587\/t-489-04\/\" class=\"_self\" target=\"_self\" >T-489-04<\/a><\/h4>\n<div class=\"pt-cv-content\">\u00a0 \u00a0 Sentencia T-489\/04 \u00a0 PAGO DE IMPUESTO DE VEHICULO HURTADO-Debe tramitarse la cancelaci\u00f3n de la matr\u00edcula \u00a0 No escapa al conocimiento de la Corte Constitucional que los hechos narrados por el accionante en el presente caso afectan a un n\u00famero importante de personas, las cuales, adem\u00e1s de ser v\u00edctimas del hurto del veh\u00edculo de su propiedad, son sometidas por las autoridades administrativas a una serie de tr\u00e1mites que si bien es cierto se encuentran establecidos en la ley, tambi\u00e9n lo es que contribuyen a agobiar a quienes han sido agraviados econ\u00f3mica y moralmente. La primera reacci\u00f3n del ciudadano despojado ...<br \/><div class=\"pt-cv-rmwrap\"><a href=\"https:\/\/www.dmsjuridica.com\/buscador_20179478954\/corteconstitucionalcronologico202454587\/t-489-04\/\" class=\"_self pt-cv-readmore btn btn-success\" target=\"_self\">Ver Sentencia Completa...<\/a><\/div><\/div><\/div><\/div>\n<div class=\"col-md-12 col-sm-12 col-xs-12 pt-cv-content-item pt-cv-1-col\" ><div class='pt-cv-ifield'><a href=\"https:\/\/www.dmsjuridica.com\/buscador_20179478954\/corteconstitucionalcronologico202454587\/t-488-04\/\" class=\"_self pt-cv-href-thumbnail pt-cv-thumb-default\" target=\"_self\" ><\/a>\n<div class=\"pt-cv-taxoterm above_title\"><a href='https:\/\/www.dmsjuridica.com\/buscador_20179478954\/corteconstitucionalcronologico202454587\/category\/buscar-en-toda-la-corte\/2004\/tutelas-2004\/' title='Tutelas 2004' class='pt-cv-tax-tutelas-2004'>Tutelas 2004<\/a><\/div>\n<h4 class=\"pt-cv-title\"><a href=\"https:\/\/www.dmsjuridica.com\/buscador_20179478954\/corteconstitucionalcronologico202454587\/t-488-04\/\" class=\"_self\" target=\"_self\" >T-488-04<\/a><\/h4>\n<div class=\"pt-cv-content\">\u00a0 \u00a0 Sentencia T-488\/04 \u00a0 ACCION DE TUTELA-Procedencia cuando los mecanismos ordinarios de defensa no son id\u00f3neos, eficaces, ni proporcionados \u00a0 En los casos de vinculaci\u00f3n de servidores p\u00fablicos mediante la realizaci\u00f3n de concursos de m\u00e9ritos, la Corte ha precisado que las referidas acciones contencioso administrativas no logran proveer el mismo grado de amparo jurisdiccional a los derechos fundamentales amenazados o vulnerados que la acci\u00f3n de tutela, ya que el agotamiento de las primeras no asegurara el acceso oportuno al cargo por el que el aspirante que ocupa el primer lugar en el listado de elegibles, ha optado. Con la ...<br \/><div class=\"pt-cv-rmwrap\"><a href=\"https:\/\/www.dmsjuridica.com\/buscador_20179478954\/corteconstitucionalcronologico202454587\/t-488-04\/\" class=\"_self pt-cv-readmore btn btn-success\" target=\"_self\">Ver Sentencia Completa...<\/a><\/div><\/div><\/div><\/div>\n<div class=\"col-md-12 col-sm-12 col-xs-12 pt-cv-content-item pt-cv-1-col\" ><div class='pt-cv-ifield'><a href=\"https:\/\/www.dmsjuridica.com\/buscador_20179478954\/corteconstitucionalcronologico202454587\/t-487-04\/\" class=\"_self pt-cv-href-thumbnail pt-cv-thumb-default\" target=\"_self\" ><\/a>\n<div class=\"pt-cv-taxoterm above_title\"><a href='https:\/\/www.dmsjuridica.com\/buscador_20179478954\/corteconstitucionalcronologico202454587\/category\/buscar-en-toda-la-corte\/2004\/tutelas-2004\/' title='Tutelas 2004' class='pt-cv-tax-tutelas-2004'>Tutelas 2004<\/a><\/div>\n<h4 class=\"pt-cv-title\"><a href=\"https:\/\/www.dmsjuridica.com\/buscador_20179478954\/corteconstitucionalcronologico202454587\/t-487-04\/\" class=\"_self\" target=\"_self\" >T-487-04<\/a><\/h4>\n<div class=\"pt-cv-content\">\u00a0 \u00a0 Sentencia T-487\/04 \u00a0 HABEAS DATA-Finalidad \u00a0 HABEAS DATA-N\u00facleo esencial \u00a0 HABEAS DATA-Elementos \u00a0 DERECHO AL BUEN NOMBRE-Actualizaci\u00f3n de informaci\u00f3n negativa en banco de datos corresponde a quien normaliz\u00f3 el pago \u00a0 La persona que en virtud de un mal manejo de las obligaciones crediticias, genera una informaci\u00f3n negativa de su comportamiento financiero o comercial, s\u00f3lo podr\u00e1 modificar tal informaci\u00f3n, produciendo un nuevo reporte con una informaci\u00f3n m\u00e1s actualizada que contemple datos recientes en los cuales se refleje la normalizaci\u00f3n en el pago de sus productos financieros o comerciales. Esta nueva informaci\u00f3n, como ya se indic\u00f3, deber\u00e1 incluirse con ...<br \/><div class=\"pt-cv-rmwrap\"><a href=\"https:\/\/www.dmsjuridica.com\/buscador_20179478954\/corteconstitucionalcronologico202454587\/t-487-04\/\" class=\"_self pt-cv-readmore btn btn-success\" target=\"_self\">Ver Sentencia Completa...<\/a><\/div><\/div><\/div><\/div>\n<div class=\"col-md-12 col-sm-12 col-xs-12 pt-cv-content-item pt-cv-1-col\" ><div class='pt-cv-ifield'><a href=\"https:\/\/www.dmsjuridica.com\/buscador_20179478954\/corteconstitucionalcronologico202454587\/t-486-04\/\" class=\"_self pt-cv-href-thumbnail pt-cv-thumb-default\" target=\"_self\" ><\/a>\n<div class=\"pt-cv-taxoterm above_title\"><a href='https:\/\/www.dmsjuridica.com\/buscador_20179478954\/corteconstitucionalcronologico202454587\/category\/buscar-en-toda-la-corte\/2004\/tutelas-2004\/' title='Tutelas 2004' class='pt-cv-tax-tutelas-2004'>Tutelas 2004<\/a><\/div>\n<h4 class=\"pt-cv-title\"><a href=\"https:\/\/www.dmsjuridica.com\/buscador_20179478954\/corteconstitucionalcronologico202454587\/t-486-04\/\" class=\"_self\" target=\"_self\" >T-486-04<\/a><\/h4>\n<div class=\"pt-cv-content\">\u00a0 \u00a0 Sentencia T-486\/04 \u00a0 TRASLADO DE DOCENTE-Presupuestos para que proceda \u00a0 En este orden de ideas, la jurisprudencia de esta Corporaci\u00f3n ha establecido que cuando los docentes, sus hijos, o alg\u00fan otro miembro de la familia padecen quebrantos de salud, ya sea a nivel f\u00edsico o mental, que evidencien la necesidad de un cambio de sede o de jornada, no s\u00f3lo para lograr la recuperaci\u00f3n del docente, sino tambi\u00e9n para alcanzar la mejor\u00eda f\u00edsica y emocional que demanden quienes dependen del docente, es deber de la administraci\u00f3n, y llegado el caso del juez de tutela, dar un trato diferencial ...<br \/><div class=\"pt-cv-rmwrap\"><a href=\"https:\/\/www.dmsjuridica.com\/buscador_20179478954\/corteconstitucionalcronologico202454587\/t-486-04\/\" class=\"_self pt-cv-readmore btn btn-success\" target=\"_self\">Ver Sentencia Completa...<\/a><\/div><\/div><\/div><\/div>\n<div class=\"col-md-12 col-sm-12 col-xs-12 pt-cv-content-item pt-cv-1-col\" ><div class='pt-cv-ifield'><a href=\"https:\/\/www.dmsjuridica.com\/buscador_20179478954\/corteconstitucionalcronologico202454587\/t-485-04\/\" class=\"_self pt-cv-href-thumbnail pt-cv-thumb-default\" target=\"_self\" ><\/a>\n<div class=\"pt-cv-taxoterm above_title\"><a href='https:\/\/www.dmsjuridica.com\/buscador_20179478954\/corteconstitucionalcronologico202454587\/category\/buscar-en-toda-la-corte\/2004\/tutelas-2004\/' title='Tutelas 2004' class='pt-cv-tax-tutelas-2004'>Tutelas 2004<\/a><\/div>\n<h4 class=\"pt-cv-title\"><a href=\"https:\/\/www.dmsjuridica.com\/buscador_20179478954\/corteconstitucionalcronologico202454587\/t-485-04\/\" class=\"_self\" target=\"_self\" >T-485-04<\/a><\/h4>\n<div class=\"pt-cv-content\">\u00a0 \u00a0 Sentencia T-485\/04 \u00a0 PERSONA DESMOVILIZADA DE GRUPOS AL MARGEN DE LA LEY-Beneficios legales \u00a0 A juicio de esta Corte a la persona que de forma voluntaria ha hecho dejaci\u00f3n de las armas tras los beneficios prometidos por el Gobierno Nacional se le debe garantizar la prestaci\u00f3n efectiva de los mismos, m\u00e1xime cuando \u00e9stos involucran derechos fundamentales como la vida, la salud, la educaci\u00f3n, la integridad personal, etc. Es evidente que las autoridades p\u00fablicas no pueden dispensar a las personas un trato discriminatorio, pues, prima facie las personas que se encuentran en supuestos de hecho similares deben recibir un ...<br \/><div class=\"pt-cv-rmwrap\"><a href=\"https:\/\/www.dmsjuridica.com\/buscador_20179478954\/corteconstitucionalcronologico202454587\/t-485-04\/\" class=\"_self pt-cv-readmore btn btn-success\" target=\"_self\">Ver Sentencia Completa...<\/a><\/div><\/div><\/div><\/div>\n<div class=\"col-md-12 col-sm-12 col-xs-12 pt-cv-content-item pt-cv-1-col\" ><div class='pt-cv-ifield'><a href=\"https:\/\/www.dmsjuridica.com\/buscador_20179478954\/corteconstitucionalcronologico202454587\/t-484-04\/\" class=\"_self pt-cv-href-thumbnail pt-cv-thumb-default\" target=\"_self\" ><\/a>\n<div class=\"pt-cv-taxoterm above_title\"><a href='https:\/\/www.dmsjuridica.com\/buscador_20179478954\/corteconstitucionalcronologico202454587\/category\/buscar-en-toda-la-corte\/2004\/tutelas-2004\/' title='Tutelas 2004' class='pt-cv-tax-tutelas-2004'>Tutelas 2004<\/a><\/div>\n<h4 class=\"pt-cv-title\"><a href=\"https:\/\/www.dmsjuridica.com\/buscador_20179478954\/corteconstitucionalcronologico202454587\/t-484-04\/\" class=\"_self\" target=\"_self\" >T-484-04<\/a><\/h4>\n<div class=\"pt-cv-content\">\u00a0 \u00a0 Sentencia T-484\/04 \u00a0 DEBIDO PROCESO ADMINISTRATIVO-Fundamental \u00a0 CONCURSO DE MERITOS-Car\u00e1cter vinculante para el nominador\/CONCURSO DE MERITOS-Nombramiento de quien obtuvo el primer puesto \u00a0 Esta Corporaci\u00f3n, en numerosas ocasiones, ha se\u00f1alado que el concurso p\u00fablico de m\u00e9ritos tiene un car\u00e1cter vinculante para el nominador, de forma tal que \u00e9ste debe nombrar a quien ocupe el primer lugar, pues s\u00f3lo de \u00e9sta manera se asegura el respeto de la confianza depositada por los asociados en \u00e9stos procesos de selecci\u00f3n. Aunque, de igual forma, la Corte ha se\u00f1alado que existe un margen de razonabilidad por parte del nominador para excluir motivadamente, ...<br \/><div class=\"pt-cv-rmwrap\"><a href=\"https:\/\/www.dmsjuridica.com\/buscador_20179478954\/corteconstitucionalcronologico202454587\/t-484-04\/\" class=\"_self pt-cv-readmore btn btn-success\" target=\"_self\">Ver Sentencia Completa...<\/a><\/div><\/div><\/div><\/div>\n<div class=\"col-md-12 col-sm-12 col-xs-12 pt-cv-content-item pt-cv-1-col\" ><div class='pt-cv-ifield'><a href=\"https:\/\/www.dmsjuridica.com\/buscador_20179478954\/corteconstitucionalcronologico202454587\/t-483-04\/\" class=\"_self pt-cv-href-thumbnail pt-cv-thumb-default\" target=\"_self\" ><\/a>\n<div class=\"pt-cv-taxoterm above_title\"><a href='https:\/\/www.dmsjuridica.com\/buscador_20179478954\/corteconstitucionalcronologico202454587\/category\/buscar-en-toda-la-corte\/2004\/tutelas-2004\/' title='Tutelas 2004' class='pt-cv-tax-tutelas-2004'>Tutelas 2004<\/a><\/div>\n<h4 class=\"pt-cv-title\"><a href=\"https:\/\/www.dmsjuridica.com\/buscador_20179478954\/corteconstitucionalcronologico202454587\/t-483-04\/\" class=\"_self\" target=\"_self\" >T-483-04<\/a><\/h4>\n<div class=\"pt-cv-content\">\u00a0 \u00a0 Sentencia T-483\/04 \u00a0 DERECHO A LA EDUCACION-Car\u00e1cter fundamental y presupuesto b\u00e1sico para efectivizar otros derechos fundamentales \u00a0 A su vez, record\u00f3 que el derecho a la educaci\u00f3n constituye un presupuesto b\u00e1sico para el efectivo ejercicio de otros derechos fundamentales, tales como la igualdad en el \u00e1mbito educativo, la escogencia de profesi\u00f3n u oficio y el libre desarrollo de la personalidad, en el contexto de un Estado Social de derecho que fomente la participaci\u00f3n y respete y promueva los derechos humanos.\u00a0 \u00a0 PRINCIPIO DE LA CONFIANZA LEGITIMA-Presupuestos \u00a0 DERECHO A LA EDUCACION-Importancia y necesidad de otorgamiento del t\u00edtulo por ...<br \/><div class=\"pt-cv-rmwrap\"><a href=\"https:\/\/www.dmsjuridica.com\/buscador_20179478954\/corteconstitucionalcronologico202454587\/t-483-04\/\" class=\"_self pt-cv-readmore btn btn-success\" target=\"_self\">Ver Sentencia Completa...<\/a><\/div><\/div><\/div><\/div>\n<div class=\"col-md-12 col-sm-12 col-xs-12 pt-cv-content-item pt-cv-1-col\" ><div class='pt-cv-ifield'><a href=\"https:\/\/www.dmsjuridica.com\/buscador_20179478954\/corteconstitucionalcronologico202454587\/t-482-04\/\" class=\"_self pt-cv-href-thumbnail pt-cv-thumb-default\" target=\"_self\" ><\/a>\n<div class=\"pt-cv-taxoterm above_title\"><a href='https:\/\/www.dmsjuridica.com\/buscador_20179478954\/corteconstitucionalcronologico202454587\/category\/buscar-en-toda-la-corte\/2004\/tutelas-2004\/' title='Tutelas 2004' class='pt-cv-tax-tutelas-2004'>Tutelas 2004<\/a><\/div>\n<h4 class=\"pt-cv-title\"><a href=\"https:\/\/www.dmsjuridica.com\/buscador_20179478954\/corteconstitucionalcronologico202454587\/t-482-04\/\" class=\"_self\" target=\"_self\" >T-482-04<\/a><\/h4>\n<div class=\"pt-cv-content\">\u00a0 \u00a0 Sentencia T-482\/04 \u00a0 ACCION DE TUTELA CONTRA PARTICULARES\/SUBORDINACION-Definici\u00f3n \u00a0 INDEFENSION-Definici\u00f3n \u00a0 DERECHO AL BUEN NOMBRE-Naturaleza \u00a0 El derecho al buen nombre fue catalogado por esta Corte desde sus primeras providencias como \u201cun derecho personal\u00edsimo toda vez que hace referencia directa a las valoraciones que tanto individual como colectivamente se hagan de una persona. Este derecho est\u00e1 atado a todos los actos y hechos que una persona realice para que a trav\u00e9s de ellos la sociedad haga un juicio de valor sobre la real dimensi\u00f3n de bondades, virtudes y defectos los cuales a trav\u00e9s de su existencia muestra como ...<br \/><div class=\"pt-cv-rmwrap\"><a href=\"https:\/\/www.dmsjuridica.com\/buscador_20179478954\/corteconstitucionalcronologico202454587\/t-482-04\/\" class=\"_self pt-cv-readmore btn btn-success\" target=\"_self\">Ver Sentencia Completa...<\/a><\/div><\/div><\/div><\/div>\n<div class=\"col-md-12 col-sm-12 col-xs-12 pt-cv-content-item pt-cv-1-col\" ><div class='pt-cv-ifield'><a href=\"https:\/\/www.dmsjuridica.com\/buscador_20179478954\/corteconstitucionalcronologico202454587\/t-481-04\/\" class=\"_self pt-cv-href-thumbnail pt-cv-thumb-default\" target=\"_self\" ><\/a>\n<div class=\"pt-cv-taxoterm above_title\"><a href='https:\/\/www.dmsjuridica.com\/buscador_20179478954\/corteconstitucionalcronologico202454587\/category\/buscar-en-toda-la-corte\/2004\/tutelas-2004\/' title='Tutelas 2004' class='pt-cv-tax-tutelas-2004'>Tutelas 2004<\/a><\/div>\n<h4 class=\"pt-cv-title\"><a href=\"https:\/\/www.dmsjuridica.com\/buscador_20179478954\/corteconstitucionalcronologico202454587\/t-481-04\/\" class=\"_self\" target=\"_self\" >T-481-04<\/a><\/h4>\n<div class=\"pt-cv-content\">\u00a0 \u00a0 Sentencia T-481\/04 \u00a0 ACCION DE TUTELA-Procedencia excepcional pago de acreencias laborales \u00a0 ACCION DE TUTELA-Inmediatez\/ACCION DE TUTELA-T\u00e9rmino razonable de presentaci\u00f3n \u00a0 ACCION DE TUTELA-Improcedencia por la tard\u00eda interposici\u00f3n de la acci\u00f3n\/ACCION DE TUTELA-Improcedencia por cuanto no se aleg\u00f3 ni se prob\u00f3 la afectaci\u00f3n del m\u00ednimo vital por el no pago de un d\u00eda de trabajo \u00a0 Es claro que los accionantes interponen la presente tutela, treinta y cinco (35) meses (casi tres a\u00f1os) despu\u00e9s de que se hubieren presentado los hechos que dieron origen a la reclamaci\u00f3n laboral. Se entiende entonces, que el concepto de perjuicio irremediable pierde ...<br \/><div class=\"pt-cv-rmwrap\"><a href=\"https:\/\/www.dmsjuridica.com\/buscador_20179478954\/corteconstitucionalcronologico202454587\/t-481-04\/\" class=\"_self pt-cv-readmore btn btn-success\" target=\"_self\">Ver Sentencia Completa...<\/a><\/div><\/div><\/div><\/div>\n<div class=\"col-md-12 col-sm-12 col-xs-12 pt-cv-content-item pt-cv-1-col\" ><div class='pt-cv-ifield'><a href=\"https:\/\/www.dmsjuridica.com\/buscador_20179478954\/corteconstitucionalcronologico202454587\/t-480-04\/\" class=\"_self pt-cv-href-thumbnail pt-cv-thumb-default\" target=\"_self\" ><\/a>\n<div class=\"pt-cv-taxoterm above_title\"><a href='https:\/\/www.dmsjuridica.com\/buscador_20179478954\/corteconstitucionalcronologico202454587\/category\/buscar-en-toda-la-corte\/2004\/tutelas-2004\/' title='Tutelas 2004' class='pt-cv-tax-tutelas-2004'>Tutelas 2004<\/a><\/div>\n<h4 class=\"pt-cv-title\"><a href=\"https:\/\/www.dmsjuridica.com\/buscador_20179478954\/corteconstitucionalcronologico202454587\/t-480-04\/\" class=\"_self\" target=\"_self\" >T-480-04<\/a><\/h4>\n<div class=\"pt-cv-content\">\u00a0 \u00a0 Sentencia T-480\/04 \u00a0 AGENCIA OFICIOSA-Empleadora en representaci\u00f3n de persona del servicio dom\u00e9stico enferma \u00a0 DERECHO A LA SALUD-Fundamental por conexidad \u00a0 SISTEMA GENERAL DE SEGURIDAD SOCIAL EN SALUD-Empleadores est\u00e1n en la obligaci\u00f3n de afiliar a sus trabajadores\u00a0 \u00a0 PRINCIPIO DE CONTINUIDAD EN EL SERVICIO DE SALUD-Demora en realizar cirug\u00eda pone en peligro derechos fundamentales \u00a0 DERECHO A LA SALUD-Pr\u00e1ctica de cirug\u00eda cardiovascular exclu\u00edda del POS \u00a0 Debe aclararse que como lo ha manifestado esta Corporaci\u00f3n en ocasiones anteriores, cuando aparezca que con la aplicaci\u00f3n del Plan Obligatorio de Salud, se causa un perjuicio a quienes requieren de los ...<br \/><div class=\"pt-cv-rmwrap\"><a href=\"https:\/\/www.dmsjuridica.com\/buscador_20179478954\/corteconstitucionalcronologico202454587\/t-480-04\/\" class=\"_self pt-cv-readmore btn btn-success\" target=\"_self\">Ver Sentencia Completa...<\/a><\/div><\/div><\/div><\/div>\n<div class=\"col-md-12 col-sm-12 col-xs-12 pt-cv-content-item pt-cv-1-col\" ><div class='pt-cv-ifield'><a href=\"https:\/\/www.dmsjuridica.com\/buscador_20179478954\/corteconstitucionalcronologico202454587\/t-479-04\/\" class=\"_self pt-cv-href-thumbnail pt-cv-thumb-default\" target=\"_self\" ><\/a>\n<div class=\"pt-cv-taxoterm above_title\"><a href='https:\/\/www.dmsjuridica.com\/buscador_20179478954\/corteconstitucionalcronologico202454587\/category\/buscar-en-toda-la-corte\/2004\/tutelas-2004\/' title='Tutelas 2004' class='pt-cv-tax-tutelas-2004'>Tutelas 2004<\/a><\/div>\n<h4 class=\"pt-cv-title\"><a href=\"https:\/\/www.dmsjuridica.com\/buscador_20179478954\/corteconstitucionalcronologico202454587\/t-479-04\/\" class=\"_self\" target=\"_self\" >T-479-04<\/a><\/h4>\n<div class=\"pt-cv-content\">\u00a0 \u00a0 Sentencia T-479\/04 \u00a0 DERECHO A LA VIDA-Trasciende la mera subsistencia biol\u00f3gica \u00a0 Cabe resaltar, que la v\u00eda expedita de defensa ser\u00e1 ineficaz e insuficiente cuando la vulneraci\u00f3n de los derechos afecte la vida, pues la Corte ha entendido que la vida \u201cincorpora todo un conjunto de elementos que hacen de ella un valor superior que no se agota en los aspectos f\u00edsicos o fisiol\u00f3gicos sino que incluye los espirituales, los sicol\u00f3gicos, los morales, entre varios m\u00e1s, y sobre todo la dignidad que exige la persona por el hecho de serlo\u201d. \u00a0 DERECHO AL MINIMO VITAL DEL PENSIONADO-Pago oportuno ...<br \/><div class=\"pt-cv-rmwrap\"><a href=\"https:\/\/www.dmsjuridica.com\/buscador_20179478954\/corteconstitucionalcronologico202454587\/t-479-04\/\" class=\"_self pt-cv-readmore btn btn-success\" target=\"_self\">Ver Sentencia Completa...<\/a><\/div><\/div><\/div><\/div>\n<div class=\"col-md-12 col-sm-12 col-xs-12 pt-cv-content-item pt-cv-1-col\" ><div class='pt-cv-ifield'><a href=\"https:\/\/www.dmsjuridica.com\/buscador_20179478954\/corteconstitucionalcronologico202454587\/t-478-04\/\" class=\"_self pt-cv-href-thumbnail pt-cv-thumb-default\" target=\"_self\" ><\/a>\n<div class=\"pt-cv-taxoterm above_title\"><a href='https:\/\/www.dmsjuridica.com\/buscador_20179478954\/corteconstitucionalcronologico202454587\/category\/buscar-en-toda-la-corte\/2004\/tutelas-2004\/' title='Tutelas 2004' class='pt-cv-tax-tutelas-2004'>Tutelas 2004<\/a><\/div>\n<h4 class=\"pt-cv-title\"><a href=\"https:\/\/www.dmsjuridica.com\/buscador_20179478954\/corteconstitucionalcronologico202454587\/t-478-04\/\" class=\"_self\" target=\"_self\" >T-478-04<\/a><\/h4>\n<div class=\"pt-cv-content\">\u00a0 \u00a0 Sentencia T-478\/04 \u00a0 DERECHO DE PETICION Y REVOCATORIA DIRECTA \u00a0 Cuando las entidades p\u00fablicas no responden vulneran el derecho de petici\u00f3n, y, en consecuencia, los jueces constitucionales tienen que restablecerlo, al punto, que si la omisi\u00f3n comport\u00f3 la denegaci\u00f3n de un acto administrativo, deber\u00e1 ordenar su expedici\u00f3n. Toda manifestaci\u00f3n respetuosa dirigida a una autoridad o entidad p\u00fablica, en la que se pretenda obtener algo de ella, va impl\u00edcito el derecho de petici\u00f3n y a \u00e9ste, el sustento constitucional que obliga a la Administraci\u00f3n a tramitarla y resolverla de fondo. La Sala concluye, que la decisi\u00f3n del Fallador de ...<br \/><div class=\"pt-cv-rmwrap\"><a href=\"https:\/\/www.dmsjuridica.com\/buscador_20179478954\/corteconstitucionalcronologico202454587\/t-478-04\/\" class=\"_self pt-cv-readmore btn btn-success\" target=\"_self\">Ver Sentencia Completa...<\/a><\/div><\/div><\/div><\/div>\n<div class=\"col-md-12 col-sm-12 col-xs-12 pt-cv-content-item pt-cv-1-col\" ><div class='pt-cv-ifield'><a href=\"https:\/\/www.dmsjuridica.com\/buscador_20179478954\/corteconstitucionalcronologico202454587\/t-477-04\/\" class=\"_self pt-cv-href-thumbnail pt-cv-thumb-default\" target=\"_self\" ><\/a>\n<div class=\"pt-cv-taxoterm above_title\"><a href='https:\/\/www.dmsjuridica.com\/buscador_20179478954\/corteconstitucionalcronologico202454587\/category\/buscar-en-toda-la-corte\/2004\/tutelas-2004\/' title='Tutelas 2004' class='pt-cv-tax-tutelas-2004'>Tutelas 2004<\/a><\/div>\n<h4 class=\"pt-cv-title\"><a href=\"https:\/\/www.dmsjuridica.com\/buscador_20179478954\/corteconstitucionalcronologico202454587\/t-477-04\/\" class=\"_self\" target=\"_self\" >T-477-04<\/a><\/h4>\n<div class=\"pt-cv-content\">\u00a0 \u00a0 Sentencia T-477\/04 \u00a0 MEDIO DE DEFENSA JUDICIAL-Eficacia \u00a0 ACCION DE TUTELA-Improcedencia por descuido procesal en proceso de liquidaci\u00f3n obligatoria de empresa \u00a0 De conformidad con lo que establece el art\u00edculo 133 de la Ley 222 de 1995, cuando se rechaza el reconocimiento de un cr\u00e9dito dentro del proceso de liquidaci\u00f3n obligatoria, procede el recurso de reposici\u00f3n. En el caso bajo estudio este recurso proced\u00eda tanto contra la providencia del 20 de marzo de 2003, que rechaz\u00f3 el reconocimiento de la personer\u00eda al apoderado de la se\u00f1ora, como contra la del 26 de agosto de 2003 que rechaz\u00f3 la ...<br \/><div class=\"pt-cv-rmwrap\"><a href=\"https:\/\/www.dmsjuridica.com\/buscador_20179478954\/corteconstitucionalcronologico202454587\/t-477-04\/\" class=\"_self pt-cv-readmore btn btn-success\" target=\"_self\">Ver Sentencia Completa...<\/a><\/div><\/div><\/div><\/div>\n<div class=\"col-md-12 col-sm-12 col-xs-12 pt-cv-content-item pt-cv-1-col\" ><div class='pt-cv-ifield'><a href=\"https:\/\/www.dmsjuridica.com\/buscador_20179478954\/corteconstitucionalcronologico202454587\/t-476-04\/\" class=\"_self pt-cv-href-thumbnail pt-cv-thumb-default\" target=\"_self\" ><\/a>\n<div class=\"pt-cv-taxoterm above_title\"><a href='https:\/\/www.dmsjuridica.com\/buscador_20179478954\/corteconstitucionalcronologico202454587\/category\/buscar-en-toda-la-corte\/2004\/tutelas-2004\/' title='Tutelas 2004' class='pt-cv-tax-tutelas-2004'>Tutelas 2004<\/a><\/div>\n<h4 class=\"pt-cv-title\"><a href=\"https:\/\/www.dmsjuridica.com\/buscador_20179478954\/corteconstitucionalcronologico202454587\/t-476-04\/\" class=\"_self\" target=\"_self\" >T-476-04<\/a><\/h4>\n<div class=\"pt-cv-content\">\u00a0 \u00a0 Sentencia T-476\/04 \u00a0 Reiteraci\u00f3n de Jurisprudencia \u00a0 Referencia: expediente T-865551 \u00a0 Acci\u00f3n de tutela instaurada por Susana Romero Torres contra Famisanar EPS. \u00a0 Magistrado Ponente: \u00a0 Dr. MANUEL JOS\u00c9 CEPEDA ESPINOSA \u00a0 Bogot\u00e1, DC, diecinueve (19) de mayo de dos mil cuatro (2004). \u00a0 1. Susana Romero Torres interpuso acci\u00f3n de tutela contra Famisanar EPS, por considerar que se le hab\u00eda violado sus derechos fundamentales a la integridad y a la salud al no hab\u00e9rsele autorizado el examen de Resonancia nuclear magn\u00e9tica de plejo braquial (necesario para atender el fuerte dolor que sufre en sus manos) por no ...<br \/><div class=\"pt-cv-rmwrap\"><a href=\"https:\/\/www.dmsjuridica.com\/buscador_20179478954\/corteconstitucionalcronologico202454587\/t-476-04\/\" class=\"_self pt-cv-readmore btn btn-success\" target=\"_self\">Ver Sentencia Completa...<\/a><\/div><\/div><\/div><\/div>\n<div class=\"col-md-12 col-sm-12 col-xs-12 pt-cv-content-item pt-cv-1-col\" ><div class='pt-cv-ifield'><a href=\"https:\/\/www.dmsjuridica.com\/buscador_20179478954\/corteconstitucionalcronologico202454587\/t-471-04\/\" class=\"_self pt-cv-href-thumbnail pt-cv-thumb-default\" target=\"_self\" ><\/a>\n<div class=\"pt-cv-taxoterm above_title\"><a href='https:\/\/www.dmsjuridica.com\/buscador_20179478954\/corteconstitucionalcronologico202454587\/category\/buscar-en-toda-la-corte\/2004\/tutelas-2004\/' title='Tutelas 2004' class='pt-cv-tax-tutelas-2004'>Tutelas 2004<\/a><\/div>\n<h4 class=\"pt-cv-title\"><a href=\"https:\/\/www.dmsjuridica.com\/buscador_20179478954\/corteconstitucionalcronologico202454587\/t-471-04\/\" class=\"_self\" target=\"_self\" >T-471-04<\/a><\/h4>\n<div class=\"pt-cv-content\">\u00a0 \u00a0 Sentencia T-471\/04 \u00a0 ACCION DE TUTELA CONTRA PROVIDENCIAS JUDICIALES-Procedencia por v\u00eda de hecho al admitir recurso de apelaci\u00f3n \u00a0 La decisi\u00f3n de inadmitir el recurso de apelaci\u00f3n interpuesto por el mismo condenado al ser notificado de la providencia, por el hecho de haber sido posteriormente sustentado por el defensor p\u00fablico que inicialmente present\u00f3 la solicitud, desconoce el derecho de defensa material que siempre le asiste al sujeto pasivo de la acci\u00f3n penal. Si bien el derecho a una defensa t\u00e9cnica es manifestaci\u00f3n del derecho de defensa, a\u00fan cuando el imputado o condenado haya nombrado a un abogado de ...<br \/><div class=\"pt-cv-rmwrap\"><a href=\"https:\/\/www.dmsjuridica.com\/buscador_20179478954\/corteconstitucionalcronologico202454587\/t-471-04\/\" class=\"_self pt-cv-readmore btn btn-success\" target=\"_self\">Ver Sentencia Completa...<\/a><\/div><\/div><\/div><\/div>\n<div class=\"col-md-12 col-sm-12 col-xs-12 pt-cv-content-item pt-cv-1-col\" ><div class='pt-cv-ifield'><a href=\"https:\/\/www.dmsjuridica.com\/buscador_20179478954\/corteconstitucionalcronologico202454587\/t-470-04\/\" class=\"_self pt-cv-href-thumbnail pt-cv-thumb-default\" target=\"_self\" ><\/a>\n<div class=\"pt-cv-taxoterm above_title\"><a href='https:\/\/www.dmsjuridica.com\/buscador_20179478954\/corteconstitucionalcronologico202454587\/category\/buscar-en-toda-la-corte\/2004\/tutelas-2004\/' title='Tutelas 2004' class='pt-cv-tax-tutelas-2004'>Tutelas 2004<\/a><\/div>\n<h4 class=\"pt-cv-title\"><a href=\"https:\/\/www.dmsjuridica.com\/buscador_20179478954\/corteconstitucionalcronologico202454587\/t-470-04\/\" class=\"_self\" target=\"_self\" >T-470-04<\/a><\/h4>\n<div class=\"pt-cv-content\">\u00a0 \u00a0 Sentencia T-470\/04 \u00a0 MUJER EMBARAZADA-Protecci\u00f3n constitucional especial \u00a0 ACCION DE TUTELA TRANSITORIA DE MUJER EMBARAZADA-Elementos f\u00e1cticos que deben demostrarse \u00a0 DERECHO A LA ESTABILIDAD LABORAL REFORZADA DE MUJER EMBARAZADA-Car\u00e1cter fundamental \u00a0 DESPIDO DE MUJER EMBARAZADA SIN AUTORIZACION PREVIA-Ineficacia \u00a0 EMPRESAS DE SERVICIOS TEMPORALES-Protecci\u00f3n al trabajador \u00a0 EMPRESAS DE SERVICIOS TEMPORALES-Limitaciones por ley \u00a0 ACCION DE TUTELA TRANSITORIA DE MUJER EMBARAZADA-Reintegro al cargo que desempe\u00f1aba \u00a0 Reiteraci\u00f3n de Jurisprudencia \u00a0 Referencia: expediente T-830494 \u00a0 Acci\u00f3n de tutela instaurada por Erika Milena Rodr\u00edguez Ortiz contra Sertempo S.A. \u00a0 Magistrado Ponente: \u00a0 Dr. RODRIGO ESCOBAR GIL. \u00a0 Bogot\u00e1, D. C., diecisiete ...<br \/><div class=\"pt-cv-rmwrap\"><a href=\"https:\/\/www.dmsjuridica.com\/buscador_20179478954\/corteconstitucionalcronologico202454587\/t-470-04\/\" class=\"_self pt-cv-readmore btn btn-success\" target=\"_self\">Ver Sentencia Completa...<\/a><\/div><\/div><\/div><\/div>\n<div class=\"col-md-12 col-sm-12 col-xs-12 pt-cv-content-item pt-cv-1-col\" ><div class='pt-cv-ifield'><a href=\"https:\/\/www.dmsjuridica.com\/buscador_20179478954\/corteconstitucionalcronologico202454587\/t-469-04\/\" class=\"_self pt-cv-href-thumbnail pt-cv-thumb-default\" target=\"_self\" ><\/a>\n<div class=\"pt-cv-taxoterm above_title\"><a href='https:\/\/www.dmsjuridica.com\/buscador_20179478954\/corteconstitucionalcronologico202454587\/category\/buscar-en-toda-la-corte\/2004\/tutelas-2004\/' title='Tutelas 2004' class='pt-cv-tax-tutelas-2004'>Tutelas 2004<\/a><\/div>\n<h4 class=\"pt-cv-title\"><a href=\"https:\/\/www.dmsjuridica.com\/buscador_20179478954\/corteconstitucionalcronologico202454587\/t-469-04\/\" class=\"_self\" target=\"_self\" >T-469-04<\/a><\/h4>\n<div class=\"pt-cv-content\">\u00a0 \u00a0 Sentencia T-469\/04 \u00a0 TERMINACION UNILATERAL DE CONTRATO DE TRABAJO A TERMINO FIJO POR VENCIMIENTO DEL TERMINO PACTADO-L\u00edmites respecto derechos en tutela\/DERECHO A LA DIGNIDAD HUMANA-Empleado portador de VIH despedido\/DERECHO A LA SALUD-Trabajador portador de VIH \u00a0 ACCION DE TUTELA-Procedencia para definici\u00f3n de responsable de suministrar tratamiento a enfermo de sida previa determinaci\u00f3n existencia de relaci\u00f3n laboral \u00a0 DEBER DE SOLIDARIDAD DEL EMPLEADOR-Frente a una trabajadora sujeto de especial protecci\u00f3n por ser portadora de VIH \u00a0 Como consecuencia de esta protecci\u00f3n especial, le corresponde al empleador la carga de probar la existencia de una condici\u00f3n objetiva, diferente a la ...<br \/><div class=\"pt-cv-rmwrap\"><a href=\"https:\/\/www.dmsjuridica.com\/buscador_20179478954\/corteconstitucionalcronologico202454587\/t-469-04\/\" class=\"_self pt-cv-readmore btn btn-success\" target=\"_self\">Ver Sentencia Completa...<\/a><\/div><\/div><\/div><\/div>\n<div class=\"col-md-12 col-sm-12 col-xs-12 pt-cv-content-item pt-cv-1-col\" ><div class='pt-cv-ifield'><a href=\"https:\/\/www.dmsjuridica.com\/buscador_20179478954\/corteconstitucionalcronologico202454587\/t-468-04\/\" class=\"_self pt-cv-href-thumbnail pt-cv-thumb-default\" target=\"_self\" ><\/a>\n<div class=\"pt-cv-taxoterm above_title\"><a href='https:\/\/www.dmsjuridica.com\/buscador_20179478954\/corteconstitucionalcronologico202454587\/category\/buscar-en-toda-la-corte\/2004\/tutelas-2004\/' title='Tutelas 2004' class='pt-cv-tax-tutelas-2004'>Tutelas 2004<\/a><\/div>\n<h4 class=\"pt-cv-title\"><a href=\"https:\/\/www.dmsjuridica.com\/buscador_20179478954\/corteconstitucionalcronologico202454587\/t-468-04\/\" class=\"_self\" target=\"_self\" >T-468-04<\/a><\/h4>\n<div class=\"pt-cv-content\">\u00a0 \u00a0 Sentencia T-468\/04 \u00a0 ACCION DE TUTELA CONTRA ADMINISTRACION DE CONJUNTO RESIDENCIAL-Procedencia \u00a0 ADMINISTRACION DE PROPIEDAD HORIZONTAL-No pago cuotas de administraci\u00f3n en condominio \u00a0 MEDIO DE DEFENSA JUDICIAL-Conflictos econ\u00f3micos producto de aplicar reglamento de propiedad horizontal \u00a0 Si bien hay normas que establecen mecanismos ordinarios de protecci\u00f3n judicial para resolver los conflictos que se den dentro del r\u00e9gimen de propiedad horizontal, de darse una vulneraci\u00f3n a derechos fundamentales originada por la aplicaci\u00f3n del reglamento de copropiedad, las decisiones tomadas en asamblea general del conjunto residencial o en cualquier tipo de determinaciones tomadas por el administrador del condominio, es posible ...<br \/><div class=\"pt-cv-rmwrap\"><a href=\"https:\/\/www.dmsjuridica.com\/buscador_20179478954\/corteconstitucionalcronologico202454587\/t-468-04\/\" class=\"_self pt-cv-readmore btn btn-success\" target=\"_self\">Ver Sentencia Completa...<\/a><\/div><\/div><\/div><\/div>\n<div class=\"col-md-12 col-sm-12 col-xs-12 pt-cv-content-item pt-cv-1-col\" ><div class='pt-cv-ifield'><a href=\"https:\/\/www.dmsjuridica.com\/buscador_20179478954\/corteconstitucionalcronologico202454587\/t-467-04\/\" class=\"_self pt-cv-href-thumbnail pt-cv-thumb-default\" target=\"_self\" ><\/a>\n<div class=\"pt-cv-taxoterm above_title\"><a href='https:\/\/www.dmsjuridica.com\/buscador_20179478954\/corteconstitucionalcronologico202454587\/category\/buscar-en-toda-la-corte\/2004\/tutelas-2004\/' title='Tutelas 2004' class='pt-cv-tax-tutelas-2004'>Tutelas 2004<\/a><\/div>\n<h4 class=\"pt-cv-title\"><a href=\"https:\/\/www.dmsjuridica.com\/buscador_20179478954\/corteconstitucionalcronologico202454587\/t-467-04\/\" class=\"_self\" target=\"_self\" >T-467-04<\/a><\/h4>\n<div class=\"pt-cv-content\">\u00a0 \u00a0 Sentencia T-467\/04 \u00a0 DERECHO A LA SALUD DEL MENOR-Suspensi\u00f3n de tratamiento m\u00e9dico necesario para controlar desarrollo de enfermedad cardiaca por ESS \u00a0 DERECHO A LA SALUD DEL MENOR-No pr\u00e1ctica de ex\u00e1menes inclu\u00eddos en el POSS por ESS y ordenados por m\u00e9dico tratante \u00a0 DERECHO A LA SALUD DEL MENOR-No pueden suspenderse controles con m\u00e9dico especialista \u00a0 PRINCIPIO DE CONTINUIDAD EN EL SERVICIO DE SALUD-Subregla constitucional que puede ser aplicada\/DERECHO A LA SALUD DEL MENOR-Subregla constitucional que puede ser aplicada en prestaci\u00f3n de servicios m\u00e9dicos excluidos del POSS que se requieren para el seguimiento de enfermedad cardiaca \u00a0 Es ...<br \/><div class=\"pt-cv-rmwrap\"><a href=\"https:\/\/www.dmsjuridica.com\/buscador_20179478954\/corteconstitucionalcronologico202454587\/t-467-04\/\" class=\"_self pt-cv-readmore btn btn-success\" target=\"_self\">Ver Sentencia Completa...<\/a><\/div><\/div><\/div><\/div>\n<div class=\"col-md-12 col-sm-12 col-xs-12 pt-cv-content-item pt-cv-1-col\" ><div class='pt-cv-ifield'><a href=\"https:\/\/www.dmsjuridica.com\/buscador_20179478954\/corteconstitucionalcronologico202454587\/t-466-04\/\" class=\"_self pt-cv-href-thumbnail pt-cv-thumb-default\" target=\"_self\" ><\/a>\n<div class=\"pt-cv-taxoterm above_title\"><a href='https:\/\/www.dmsjuridica.com\/buscador_20179478954\/corteconstitucionalcronologico202454587\/category\/buscar-en-toda-la-corte\/2004\/tutelas-2004\/' title='Tutelas 2004' class='pt-cv-tax-tutelas-2004'>Tutelas 2004<\/a><\/div>\n<h4 class=\"pt-cv-title\"><a href=\"https:\/\/www.dmsjuridica.com\/buscador_20179478954\/corteconstitucionalcronologico202454587\/t-466-04\/\" class=\"_self\" target=\"_self\" >T-466-04<\/a><\/h4>\n<div class=\"pt-cv-content\">\u00a0 \u00a0 Sentencia T-466\/04 \u00a0 DERECHO DE PETICION EN CASO DE PRESENTARSE MULTIPLES SOLICITUDES Y EN EL MISMO FORMATO-Respuesta con un escrito general a los peticionarios debe cumplir requisitos \u00a0 En vista de la imposibilidad de responder oportunamente a cada una de las peticiones, la Administraci\u00f3n decidi\u00f3 dictar la resoluci\u00f3n 17 del \u00a09 de septiembre de 2003, mediante la cual se dispuso dar \u201crespuesta conjunta, completa, oportuna y eficiente a los derechos de petici\u00f3n presentados o que se presenten ante la Alcald\u00eda Mayor de Bogot\u00e1.\u201d El documento de respuesta fue publicado a trav\u00e9s de diferentes medios. La lectura del documento ...<br \/><div class=\"pt-cv-rmwrap\"><a href=\"https:\/\/www.dmsjuridica.com\/buscador_20179478954\/corteconstitucionalcronologico202454587\/t-466-04\/\" class=\"_self pt-cv-readmore btn btn-success\" target=\"_self\">Ver Sentencia Completa...<\/a><\/div><\/div><\/div><\/div>\n<div class=\"col-md-12 col-sm-12 col-xs-12 pt-cv-content-item pt-cv-1-col\" ><div class='pt-cv-ifield'><a href=\"https:\/\/www.dmsjuridica.com\/buscador_20179478954\/corteconstitucionalcronologico202454587\/t-456-04\/\" class=\"_self pt-cv-href-thumbnail pt-cv-thumb-default\" target=\"_self\" ><\/a>\n<div class=\"pt-cv-taxoterm above_title\"><a href='https:\/\/www.dmsjuridica.com\/buscador_20179478954\/corteconstitucionalcronologico202454587\/category\/buscar-en-toda-la-corte\/2004\/tutelas-2004\/' title='Tutelas 2004' class='pt-cv-tax-tutelas-2004'>Tutelas 2004<\/a><\/div>\n<h4 class=\"pt-cv-title\"><a href=\"https:\/\/www.dmsjuridica.com\/buscador_20179478954\/corteconstitucionalcronologico202454587\/t-456-04\/\" class=\"_self\" target=\"_self\" >T-456-04<\/a><\/h4>\n<div class=\"pt-cv-content\">\u00a0 \u00a0 Sentencia T-456\/04 \u00a0 PERJUICIO IRREMEDIABLE-Requisitos para que se configure\/SUSTITUCION PENSIONAL-Hija invalida \u00a0 la jurisprudencia constitucional, ha establecido que un perjuicio tendr\u00e1 car\u00e1cter irremediable cuando quiera que en el contexto de la situaci\u00f3n espec\u00edfica del peticionario, se llenen los siguientes requisitos: (i) ser cierto e inminente, es decir, que su existencia actual o potencial se infiera objetivamente a partir de una evaluaci\u00f3n razonable de hechos reales, y no de meras conjeturas o deducciones especulativas; (ii) ser grave, en la medida en que amenace con lesionar \u2013o lesione-un bien o inter\u00e9s jur\u00eddico de alta importancia para el afectado; y (iii) ...<br \/><div class=\"pt-cv-rmwrap\"><a href=\"https:\/\/www.dmsjuridica.com\/buscador_20179478954\/corteconstitucionalcronologico202454587\/t-456-04\/\" class=\"_self pt-cv-readmore btn btn-success\" target=\"_self\">Ver Sentencia Completa...<\/a><\/div><\/div><\/div><\/div>\n<div class=\"col-md-12 col-sm-12 col-xs-12 pt-cv-content-item pt-cv-1-col\" ><div class='pt-cv-ifield'><a href=\"https:\/\/www.dmsjuridica.com\/buscador_20179478954\/corteconstitucionalcronologico202454587\/t-455-04\/\" class=\"_self pt-cv-href-thumbnail pt-cv-thumb-default\" target=\"_self\" ><\/a>\n<div class=\"pt-cv-taxoterm above_title\"><a href='https:\/\/www.dmsjuridica.com\/buscador_20179478954\/corteconstitucionalcronologico202454587\/category\/buscar-en-toda-la-corte\/2004\/tutelas-2004\/' title='Tutelas 2004' class='pt-cv-tax-tutelas-2004'>Tutelas 2004<\/a><\/div>\n<h4 class=\"pt-cv-title\"><a href=\"https:\/\/www.dmsjuridica.com\/buscador_20179478954\/corteconstitucionalcronologico202454587\/t-455-04\/\" class=\"_self\" target=\"_self\" >T-455-04<\/a><\/h4>\n<div class=\"pt-cv-content\">\u00a0 \u00a0 Sentencia T-455\/04 \u00a0 MEDIDAS DE ASEGURAMIENTO-S\u00ed resulta procedente hacer una solicitud de revocatoria despu\u00e9s del cierre de la investigaci\u00f3n\u00a0 \u00a0 MEDIDAS DE ASEGURAMIENTO-T\u00e9rmino para responder sobre la solicitud de revocatoria \u00a0 Esta Corporaci\u00f3n ha entendido que se produce uno de estos defectos cuando la autoridad judicial se desv\u00eda por completo del procedimiento fijado por la ley para dar tr\u00e1mite a determinadas cuestiones y act\u00faa de forma arbitraria y caprichosa, con fundamento en su sola voluntad. En el caso que se revisa, la Sala observa que la Fiscal desconoci\u00f3 lo preceptuado por los art\u00edculo 363 y 168 del C\u00f3digo ...<br \/><div class=\"pt-cv-rmwrap\"><a href=\"https:\/\/www.dmsjuridica.com\/buscador_20179478954\/corteconstitucionalcronologico202454587\/t-455-04\/\" class=\"_self pt-cv-readmore btn btn-success\" target=\"_self\">Ver Sentencia Completa...<\/a><\/div><\/div><\/div><\/div>\n<div class=\"col-md-12 col-sm-12 col-xs-12 pt-cv-content-item pt-cv-1-col\" ><div class='pt-cv-ifield'><a href=\"https:\/\/www.dmsjuridica.com\/buscador_20179478954\/corteconstitucionalcronologico202454587\/t-454-04\/\" class=\"_self pt-cv-href-thumbnail pt-cv-thumb-default\" target=\"_self\" ><\/a>\n<div class=\"pt-cv-taxoterm above_title\"><a href='https:\/\/www.dmsjuridica.com\/buscador_20179478954\/corteconstitucionalcronologico202454587\/category\/buscar-en-toda-la-corte\/2004\/tutelas-2004\/' title='Tutelas 2004' class='pt-cv-tax-tutelas-2004'>Tutelas 2004<\/a><\/div>\n<h4 class=\"pt-cv-title\"><a href=\"https:\/\/www.dmsjuridica.com\/buscador_20179478954\/corteconstitucionalcronologico202454587\/t-454-04\/\" class=\"_self\" target=\"_self\" >T-454-04<\/a><\/h4>\n<div class=\"pt-cv-content\">\u00a0 \u00a0 Sentencia T-454\/04 \u00a0 ACCION DE TUTELA-Improcedencia general para reconocimiento de pensiones\/PERJUICIO IRREMEDIABLE-Car\u00e1cter concreto que la jurisprudencia le ha dado a la configuraci\u00f3n de \u00e9ste \u00a0 Referencia: expediente T-847147 \u00a0 Acci\u00f3n de tutela instaurada por Yolanda Pulecio V\u00e9lez contra el Fondo de Previsi\u00f3n Social del Congreso de la Rep\u00fablica. \u00a0 \u00a0 \u00a0 Magistrado Ponente: \u00a0 Bogot\u00e1, D. C., once (11) de mayo de dos mil cuatro (2004). \u00a0 La Sala Primera de Revisi\u00f3n de la Corte Constitucional, integrada por los Magistrados ALFREDO BELTRAN SIERRA, MANUEL JOSE CEPEDA ESPINOSA y JAIME ARAUJO RENTERIA, en ejercicio de sus competencias constitucionales y ...<br \/><div class=\"pt-cv-rmwrap\"><a href=\"https:\/\/www.dmsjuridica.com\/buscador_20179478954\/corteconstitucionalcronologico202454587\/t-454-04\/\" class=\"_self pt-cv-readmore btn btn-success\" target=\"_self\">Ver Sentencia Completa...<\/a><\/div><\/div><\/div><\/div>\n<div class=\"col-md-12 col-sm-12 col-xs-12 pt-cv-content-item pt-cv-1-col\" ><div class='pt-cv-ifield'><a href=\"https:\/\/www.dmsjuridica.com\/buscador_20179478954\/corteconstitucionalcronologico202454587\/t-453-04\/\" class=\"_self pt-cv-href-thumbnail pt-cv-thumb-default\" target=\"_self\" ><\/a>\n<div class=\"pt-cv-taxoterm above_title\"><a href='https:\/\/www.dmsjuridica.com\/buscador_20179478954\/corteconstitucionalcronologico202454587\/category\/buscar-en-toda-la-corte\/2004\/tutelas-2004\/' title='Tutelas 2004' class='pt-cv-tax-tutelas-2004'>Tutelas 2004<\/a><\/div>\n<h4 class=\"pt-cv-title\"><a href=\"https:\/\/www.dmsjuridica.com\/buscador_20179478954\/corteconstitucionalcronologico202454587\/t-453-04\/\" class=\"_self\" target=\"_self\" >T-453-04<\/a><\/h4>\n<div class=\"pt-cv-content\">\u00a0 \u00a0 NOTA DE RELATORIA: Mediante Auto del 2 de febrero de 2017 suscrito por el Magistrado Gabriel Eduardo Mendoza Martelo, se orden\u00f3 que en la p\u00e1gina web de la Corporaci\u00f3n se reemplace la versi\u00f3n actual de la presente providencia, por la que resulte de cambiar los nombres y datos que permitan identificar al accionante, por datos ficticios. \u00a0 \u00a0 Sentencia T-453\/04 \u00a0 PRINCIPIO DE SOLIDARIDAD-Asistencia m\u00e9dica a enfermo de sida \u00a0 ENFERMO DE SIDA-Protecci\u00f3n especial \u00a0 En este sentido, la jurisprudencia constitucional ha sostenido que las personas enfermas de VIH-SIDA son sujetos de protecci\u00f3n especial, debido a la gravedad ...<br \/><div class=\"pt-cv-rmwrap\"><a href=\"https:\/\/www.dmsjuridica.com\/buscador_20179478954\/corteconstitucionalcronologico202454587\/t-453-04\/\" class=\"_self pt-cv-readmore btn btn-success\" target=\"_self\">Ver Sentencia Completa...<\/a><\/div><\/div><\/div><\/div>\n<div class=\"col-md-12 col-sm-12 col-xs-12 pt-cv-content-item pt-cv-1-col\" ><div class='pt-cv-ifield'><a href=\"https:\/\/www.dmsjuridica.com\/buscador_20179478954\/corteconstitucionalcronologico202454587\/t-452-04\/\" class=\"_self pt-cv-href-thumbnail pt-cv-thumb-default\" target=\"_self\" ><\/a>\n<div class=\"pt-cv-taxoterm above_title\"><a href='https:\/\/www.dmsjuridica.com\/buscador_20179478954\/corteconstitucionalcronologico202454587\/category\/buscar-en-toda-la-corte\/2004\/tutelas-2004\/' title='Tutelas 2004' class='pt-cv-tax-tutelas-2004'>Tutelas 2004<\/a><\/div>\n<h4 class=\"pt-cv-title\"><a href=\"https:\/\/www.dmsjuridica.com\/buscador_20179478954\/corteconstitucionalcronologico202454587\/t-452-04\/\" class=\"_self\" target=\"_self\" >T-452-04<\/a><\/h4>\n<div class=\"pt-cv-content\">\u00a0 \u00a0 Sentencia T-452\/04 \u00a0 DERECHO A LA SEGURIDAD SOCIAL-Expedici\u00f3n y emisi\u00f3n de bono pensional\/CONVENIO DE CONCURRENCIA-No puede someterse a persona de la tercera edad a la incertidumbre sobre la definici\u00f3n de la pensi\u00f3n \u00a0 Reiteraci\u00f3n de Jurisprudencia \u00a0 Referencia: expediente T-850116 \u00a0 Acci\u00f3n de tutela instaurada por ELVIA RAMOS GUERRA contra la Gobernaci\u00f3n de C\u00f3rdoba y el Seguro Social. \u00a0 Magistrado Ponente: \u00a0 Dr. RODRIGO ESCOBAR GIL. \u00a0 Bogot\u00e1, D. C., diez (10) de mayo de dos mil cuatro (2004). \u00a0 La Sala Quinta de Revisi\u00f3n de la Corte Constitucional, en ejercicio de sus competencias constitucionales y legales, espec\u00edficamente ...<br \/><div class=\"pt-cv-rmwrap\"><a href=\"https:\/\/www.dmsjuridica.com\/buscador_20179478954\/corteconstitucionalcronologico202454587\/t-452-04\/\" class=\"_self pt-cv-readmore btn btn-success\" target=\"_self\">Ver Sentencia Completa...<\/a><\/div><\/div><\/div><\/div>\n<div class=\"col-md-12 col-sm-12 col-xs-12 pt-cv-content-item pt-cv-1-col\" ><div class='pt-cv-ifield'><a href=\"https:\/\/www.dmsjuridica.com\/buscador_20179478954\/corteconstitucionalcronologico202454587\/t-451-04\/\" class=\"_self pt-cv-href-thumbnail pt-cv-thumb-default\" target=\"_self\" ><\/a>\n<div class=\"pt-cv-taxoterm above_title\"><a href='https:\/\/www.dmsjuridica.com\/buscador_20179478954\/corteconstitucionalcronologico202454587\/category\/buscar-en-toda-la-corte\/2004\/tutelas-2004\/' title='Tutelas 2004' class='pt-cv-tax-tutelas-2004'>Tutelas 2004<\/a><\/div>\n<h4 class=\"pt-cv-title\"><a href=\"https:\/\/www.dmsjuridica.com\/buscador_20179478954\/corteconstitucionalcronologico202454587\/t-451-04\/\" class=\"_self\" target=\"_self\" >T-451-04<\/a><\/h4>\n<div class=\"pt-cv-content\">\u00a0 \u00a0 Sentencia T-451\/04 \u00a0 La Corte conceder\u00e1 el amparo de tutela para que le sean pagados al actor los salarios y dem\u00e1s prestaciones adeudadas a partir del mes de febrero de 2003, dejando abierta la posibilidad para que las dem\u00e1s prestaciones causadas con anterior a la fecha se\u00f1alada, sean reclamadas por la v\u00eda ordinaria; pues de su falta de pago ya no se puede acreditar la existencia de un perjuicio irremediable que haga viable la tutela en relaci\u00f3n con \u00e9stas. \u00a0 DERECHO AL SUBSIDIO FAMILIAR DEL NI\u00d1O-Procedencia por tutela \u00a0 Reiteraci\u00f3n de Jurisprudencia \u00a0 Referencia: expediente T-837853 \u00a0 Acci\u00f3n ...<br \/><div class=\"pt-cv-rmwrap\"><a href=\"https:\/\/www.dmsjuridica.com\/buscador_20179478954\/corteconstitucionalcronologico202454587\/t-451-04\/\" class=\"_self pt-cv-readmore btn btn-success\" target=\"_self\">Ver Sentencia Completa...<\/a><\/div><\/div><\/div><\/div>\n<div class=\"col-md-12 col-sm-12 col-xs-12 pt-cv-content-item pt-cv-1-col\" ><div class='pt-cv-ifield'><a href=\"https:\/\/www.dmsjuridica.com\/buscador_20179478954\/corteconstitucionalcronologico202454587\/t-450-04\/\" class=\"_self pt-cv-href-thumbnail pt-cv-thumb-default\" target=\"_self\" ><\/a>\n<div class=\"pt-cv-taxoterm above_title\"><a href='https:\/\/www.dmsjuridica.com\/buscador_20179478954\/corteconstitucionalcronologico202454587\/category\/buscar-en-toda-la-corte\/2004\/tutelas-2004\/' title='Tutelas 2004' class='pt-cv-tax-tutelas-2004'>Tutelas 2004<\/a><\/div>\n<h4 class=\"pt-cv-title\"><a href=\"https:\/\/www.dmsjuridica.com\/buscador_20179478954\/corteconstitucionalcronologico202454587\/t-450-04\/\" class=\"_self\" target=\"_self\" >T-450-04<\/a><\/h4>\n<div class=\"pt-cv-content\">\u00a0 \u00a0 Sentencia T-450\/04 \u00a0 CESANTIAS-Controversia sobre liquidaci\u00f3n parcial ya fue resuelta por la jurisdicci\u00f3n Contencioso Administrativa \u00a0 ACCION DE TUTELA-No se cumple la inmediatez en caso de liquidaci\u00f3n de cesant\u00eda hace m\u00e1s de nueve a\u00f1os \u00a0 Referencia: expediente T-833986 \u00a0 Accionante: V\u00edctor Flower Ortiz Mongui.\u00a0 \u00a0 Demandado: La Naci\u00f3n y otros. \u00a0 Magistrado Ponente:\u00a0 \u00a0 Dr. RODRIGO ESCOBAR GIL \u00a0 Bogot\u00e1, D. C., diez (10) de mayo de dos mil cuatro (2004). \u00a0 La Sala Quinta de Revisi\u00f3n de la Corte Constitucional, integrada por los Magistrados Rodrigo Escobar Gil, Marco Gerardo Monroy Cabra y Eduardo Montealegre Lynett, en ejercicio ...<br \/><div class=\"pt-cv-rmwrap\"><a href=\"https:\/\/www.dmsjuridica.com\/buscador_20179478954\/corteconstitucionalcronologico202454587\/t-450-04\/\" class=\"_self pt-cv-readmore btn btn-success\" target=\"_self\">Ver Sentencia Completa...<\/a><\/div><\/div><\/div><\/div>\n<div class=\"col-md-12 col-sm-12 col-xs-12 pt-cv-content-item pt-cv-1-col\" ><div class='pt-cv-ifield'><a href=\"https:\/\/www.dmsjuridica.com\/buscador_20179478954\/corteconstitucionalcronologico202454587\/t-449-04\/\" class=\"_self pt-cv-href-thumbnail pt-cv-thumb-default\" target=\"_self\" ><\/a>\n<div class=\"pt-cv-taxoterm above_title\"><a href='https:\/\/www.dmsjuridica.com\/buscador_20179478954\/corteconstitucionalcronologico202454587\/category\/buscar-en-toda-la-corte\/2004\/tutelas-2004\/' title='Tutelas 2004' class='pt-cv-tax-tutelas-2004'>Tutelas 2004<\/a><\/div>\n<h4 class=\"pt-cv-title\"><a href=\"https:\/\/www.dmsjuridica.com\/buscador_20179478954\/corteconstitucionalcronologico202454587\/t-449-04\/\" class=\"_self\" target=\"_self\" >T-449-04<\/a><\/h4>\n<div class=\"pt-cv-content\">\u00a0 \u00a0 Sentencia T-449\/04 \u00a0 ACCION DE TUTELA CONTRA PROVIDENCIAS JUDICIALES-Procedencia excepcional por v\u00eda de hecho judicial \u00a0 VIA DE HECHO-Clases de defectos en la actuaci\u00f3n \u00a0 RECURSO DE APELACION-Puede sustentarse ante el juez del conocimiento o ante el Tribunal que debe resolverlo \u00a0 La Corte comparte \u00edntegramente los argumentos expuestos por la Sala de Casaci\u00f3n Civil de la Corte Suprema de Justicia, pues se acogi\u00f3 entre los dos entendimientos posibles de la norma, el que m\u00e1s se ajusta a la Carta Pol\u00edtica, esto es, aquel seg\u00fan el cual, el recurso de apelaci\u00f3n puede ser sustentado ante el juez del ...<br \/><div class=\"pt-cv-rmwrap\"><a href=\"https:\/\/www.dmsjuridica.com\/buscador_20179478954\/corteconstitucionalcronologico202454587\/t-449-04\/\" class=\"_self pt-cv-readmore btn btn-success\" target=\"_self\">Ver Sentencia Completa...<\/a><\/div><\/div><\/div><\/div>\n<div class=\"col-md-12 col-sm-12 col-xs-12 pt-cv-content-item pt-cv-1-col\" ><div class='pt-cv-ifield'><a href=\"https:\/\/www.dmsjuridica.com\/buscador_20179478954\/corteconstitucionalcronologico202454587\/t-448-04\/\" class=\"_self pt-cv-href-thumbnail pt-cv-thumb-default\" target=\"_self\" ><\/a>\n<div class=\"pt-cv-taxoterm above_title\"><a href='https:\/\/www.dmsjuridica.com\/buscador_20179478954\/corteconstitucionalcronologico202454587\/category\/buscar-en-toda-la-corte\/2004\/tutelas-2004\/' title='Tutelas 2004' class='pt-cv-tax-tutelas-2004'>Tutelas 2004<\/a><\/div>\n<h4 class=\"pt-cv-title\"><a href=\"https:\/\/www.dmsjuridica.com\/buscador_20179478954\/corteconstitucionalcronologico202454587\/t-448-04\/\" class=\"_self\" target=\"_self\" >T-448-04<\/a><\/h4>\n<div class=\"pt-cv-content\">\u00a0 \u00a0 Sentencia T-448\/04 \u00a0 DERECHO A LA AUTODETERMINACION INFORMATIVA-Naturaleza y \u00e1mbito de la protecci\u00f3n \u00a0 De la configuraci\u00f3n normativa y de la jurisprudencia constitucional en materia de derecho a la autodeterminaci\u00f3n informativa, la Sala infiere (i) que \u00a0la Constituci\u00f3n reconoce como derecho fundamental el llamado derecho a la autodeterminaci\u00f3n informativa, (ii) que dicho derecho incluye facultades muy precisas para su titular, como las de solicitar el acceso y la exclusi\u00f3n de los datos personales de las bases de datos, (iii) que tales facultades operan en \u00a0contextos determinados por la naturaleza de la base de datos y por las regulaciones ...<br \/><div class=\"pt-cv-rmwrap\"><a href=\"https:\/\/www.dmsjuridica.com\/buscador_20179478954\/corteconstitucionalcronologico202454587\/t-448-04\/\" class=\"_self pt-cv-readmore btn btn-success\" target=\"_self\">Ver Sentencia Completa...<\/a><\/div><\/div><\/div><\/div>\n<div class=\"col-md-12 col-sm-12 col-xs-12 pt-cv-content-item pt-cv-1-col\" ><div class='pt-cv-ifield'><a href=\"https:\/\/www.dmsjuridica.com\/buscador_20179478954\/corteconstitucionalcronologico202454587\/t-447-04\/\" class=\"_self pt-cv-href-thumbnail pt-cv-thumb-default\" target=\"_self\" ><\/a>\n<div class=\"pt-cv-taxoterm above_title\"><a href='https:\/\/www.dmsjuridica.com\/buscador_20179478954\/corteconstitucionalcronologico202454587\/category\/buscar-en-toda-la-corte\/2004\/tutelas-2004\/' title='Tutelas 2004' class='pt-cv-tax-tutelas-2004'>Tutelas 2004<\/a><\/div>\n<h4 class=\"pt-cv-title\"><a href=\"https:\/\/www.dmsjuridica.com\/buscador_20179478954\/corteconstitucionalcronologico202454587\/t-447-04\/\" class=\"_self\" target=\"_self\" >T-447-04<\/a><\/h4>\n<div class=\"pt-cv-content\">\u00a0 \u00a0 Sentencia T-447\/04 \u00a0 DERECHOS FUNDAMENTALES-Concepto de amenaza \u00a0 La Corte ha abordado, de manera directa e indirecta, el tema de la amenaza de derechos fundamentales. En sentencia T-383 de 2001 la Corte recogi\u00f3 los criterios que corresponden a los lineamientos centrales de la jurisprudencia de esta Corporaci\u00f3n en la materia: a) Elemento subjetivo consistente en la \u201cconvicci\u00f3n \u00edntima de la existencia de un riesgo o peligro\u201d para el goce y disfrute del derecho. b) Elemento objetivo, consistente en la presencia de condiciones f\u00e1cticas que \u201crazonablemente permitan inferir la existencia de un riesgo o peligro\u201d para el goce y ...<br \/><div class=\"pt-cv-rmwrap\"><a href=\"https:\/\/www.dmsjuridica.com\/buscador_20179478954\/corteconstitucionalcronologico202454587\/t-447-04\/\" class=\"_self pt-cv-readmore btn btn-success\" target=\"_self\">Ver Sentencia Completa...<\/a><\/div><\/div><\/div><\/div>\n<div class=\"col-md-12 col-sm-12 col-xs-12 pt-cv-content-item pt-cv-1-col\" ><div class='pt-cv-ifield'><a href=\"https:\/\/www.dmsjuridica.com\/buscador_20179478954\/corteconstitucionalcronologico202454587\/t-446-04\/\" class=\"_self pt-cv-href-thumbnail pt-cv-thumb-default\" target=\"_self\" ><\/a>\n<div class=\"pt-cv-taxoterm above_title\"><a href='https:\/\/www.dmsjuridica.com\/buscador_20179478954\/corteconstitucionalcronologico202454587\/category\/buscar-en-toda-la-corte\/2004\/tutelas-2004\/' title='Tutelas 2004' class='pt-cv-tax-tutelas-2004'>Tutelas 2004<\/a><\/div>\n<h4 class=\"pt-cv-title\"><a href=\"https:\/\/www.dmsjuridica.com\/buscador_20179478954\/corteconstitucionalcronologico202454587\/t-446-04\/\" class=\"_self\" target=\"_self\" >T-446-04<\/a><\/h4>\n<div class=\"pt-cv-content\">\u00a0 \u00a0 Sentencia T-446\/04 \u00a0 ACCION DE TUTELA-No procede para obtener reconocimiento o reliquidaci\u00f3n de pensiones a menos que concurra perjuicio irremediable \u00a0 La Corte Constitucional en m\u00faltiples oportunidades se ha pronunciado respecto de la improcedibilidad de la acci\u00f3n de tutela para obtener el reconocimiento o la reliquidaci\u00f3n de pensiones. Ha reiterado especialmente que, en punto de este tipo de controversias relacionadas con la seguridad social, el ordenamiento jur\u00eddico ha dise\u00f1ado los mecanismos judiciales y administrativos para ello. Particularmente, la jurisdicci\u00f3n laboral y la contencioso administrativa, seg\u00fan sea el caso, son los \u00e1mbitos propicios para desplegar integralmente estos debates. Con ...<br \/><div class=\"pt-cv-rmwrap\"><a href=\"https:\/\/www.dmsjuridica.com\/buscador_20179478954\/corteconstitucionalcronologico202454587\/t-446-04\/\" class=\"_self pt-cv-readmore btn btn-success\" target=\"_self\">Ver Sentencia Completa...<\/a><\/div><\/div><\/div><\/div>\n<div class=\"col-md-12 col-sm-12 col-xs-12 pt-cv-content-item pt-cv-1-col\" ><div class='pt-cv-ifield'><a href=\"https:\/\/www.dmsjuridica.com\/buscador_20179478954\/corteconstitucionalcronologico202454587\/t-445-04\/\" class=\"_self pt-cv-href-thumbnail pt-cv-thumb-default\" target=\"_self\" ><\/a>\n<div class=\"pt-cv-taxoterm above_title\"><a href='https:\/\/www.dmsjuridica.com\/buscador_20179478954\/corteconstitucionalcronologico202454587\/category\/buscar-en-toda-la-corte\/2004\/tutelas-2004\/' title='Tutelas 2004' class='pt-cv-tax-tutelas-2004'>Tutelas 2004<\/a><\/div>\n<h4 class=\"pt-cv-title\"><a href=\"https:\/\/www.dmsjuridica.com\/buscador_20179478954\/corteconstitucionalcronologico202454587\/t-445-04\/\" class=\"_self\" target=\"_self\" >T-445-04<\/a><\/h4>\n<div class=\"pt-cv-content\">\u00a0 \u00a0 Sentencia T-445\/04 \u00a0 AUTONOMIA UNIVERSITARIA-Definici\u00f3n de criterios y sistema de calificaci\u00f3n de estudiantes \u00a0 AUTONOMIA UNIVERSITARIA-Exigencia de requisitos que garanticen la mejor calidad de educaci\u00f3n \u00a0 AUTONOMIA UNIVERSITARIA-Libertad de exigir pruebas de conocimiento, preparatorios, cursos e idiomas \u00a0 ABOGADO-Posibilidad de las universidades de exigir mayores requisitos para obtener el grado \u00a0 UNIVERSIDAD-Fijaci\u00f3n de ex\u00e1menes preparatorios para obtener t\u00edtulo de abogado \u00a0 DERECHO A LA EDUCACION-Implica el deber de cumplir los reglamentos educativos \u00a0 FALLO DE TUTELA-Competencia exclusiva de la Corte para fijar alcance de los fallos\/CORTE CONSTITUCIONAL-Competencia para darle efectos Inter Pares a sus providencias\/SENTENCIA DE LA CORTE ...<br \/><div class=\"pt-cv-rmwrap\"><a href=\"https:\/\/www.dmsjuridica.com\/buscador_20179478954\/corteconstitucionalcronologico202454587\/t-445-04\/\" class=\"_self pt-cv-readmore btn btn-success\" target=\"_self\">Ver Sentencia Completa...<\/a><\/div><\/div><\/div><\/div>\n<div class=\"col-md-12 col-sm-12 col-xs-12 pt-cv-content-item pt-cv-1-col\" ><div class='pt-cv-ifield'><a href=\"https:\/\/www.dmsjuridica.com\/buscador_20179478954\/corteconstitucionalcronologico202454587\/t-444-04\/\" class=\"_self pt-cv-href-thumbnail pt-cv-thumb-default\" target=\"_self\" ><\/a>\n<div class=\"pt-cv-taxoterm above_title\"><a href='https:\/\/www.dmsjuridica.com\/buscador_20179478954\/corteconstitucionalcronologico202454587\/category\/buscar-en-toda-la-corte\/2004\/tutelas-2004\/' title='Tutelas 2004' class='pt-cv-tax-tutelas-2004'>Tutelas 2004<\/a><\/div>\n<h4 class=\"pt-cv-title\"><a href=\"https:\/\/www.dmsjuridica.com\/buscador_20179478954\/corteconstitucionalcronologico202454587\/t-444-04\/\" class=\"_self\" target=\"_self\" >T-444-04<\/a><\/h4>\n<div class=\"pt-cv-content\">\u00a0 \u00a0 Sentencia T-444\/04 \u00a0 PENSION DE VEJEZ Y PENSION DE SOBREVIVIENTES-Concurrencia debe definir la jurisdicci\u00f3n laboral \u00a0 La empresa demandada decidi\u00f3 de manera unilateral, dejar de cancelar la mesada pensional, por considerar que no estaba obligada a seguir cancelando prestaci\u00f3n alguna, ya que tal obligaci\u00f3n respecto a la se\u00f1ora Mesa Bateman fue asumida por el Seguro Social desde 1996. \u00a0A juicio de la empresa accionada, no pueden concurrir la pensi\u00f3n de sobrevivientes que reclama con la de vejez que actualmente devenga, m\u00e1xime al haber optado por la indemnizaci\u00f3n sustitutiva, ante la negativa del reconocimiento de la pensi\u00f3n de vejez ...<br \/><div class=\"pt-cv-rmwrap\"><a href=\"https:\/\/www.dmsjuridica.com\/buscador_20179478954\/corteconstitucionalcronologico202454587\/t-444-04\/\" class=\"_self pt-cv-readmore btn btn-success\" target=\"_self\">Ver Sentencia Completa...<\/a><\/div><\/div><\/div><\/div>\n<div class=\"col-md-12 col-sm-12 col-xs-12 pt-cv-content-item pt-cv-1-col\" ><div class='pt-cv-ifield'><a href=\"https:\/\/www.dmsjuridica.com\/buscador_20179478954\/corteconstitucionalcronologico202454587\/t-443-04\/\" class=\"_self pt-cv-href-thumbnail pt-cv-thumb-default\" target=\"_self\" ><\/a>\n<div class=\"pt-cv-taxoterm above_title\"><a href='https:\/\/www.dmsjuridica.com\/buscador_20179478954\/corteconstitucionalcronologico202454587\/category\/buscar-en-toda-la-corte\/2004\/tutelas-2004\/' title='Tutelas 2004' class='pt-cv-tax-tutelas-2004'>Tutelas 2004<\/a><\/div>\n<h4 class=\"pt-cv-title\"><a href=\"https:\/\/www.dmsjuridica.com\/buscador_20179478954\/corteconstitucionalcronologico202454587\/t-443-04\/\" class=\"_self\" target=\"_self\" >T-443-04<\/a><\/h4>\n<div class=\"pt-cv-content\">\u00a0 \u00a0 Sentencia T-443\/04 \u00a0 DERECHO A LA EDUCACION DE MENOR DE EDAD AUTISTA \u00a0 DERECHO A LA EDUCACION DE MENOR DISCAPACITADO \u00a0 Del anterior recorrido normativo, se desprenden las siguientes consecuencias: i) Aunque en principio la educaci\u00f3n es una responsabilidad de la familia, de la sociedad y del Estado, principalmente corresponde a \u00e9ste \u00faltimo el deber imperativo de garantizar el acceso y la permanencia al sistema educativo a los menores discapacitados. ii) Los menores discapacitados tienen derecho preferencial a exigir el cumplimiento y la efectividad del derecho a la educaci\u00f3n pues \u201caparte del tratamiento de favor que debe dispensarse ...<br \/><div class=\"pt-cv-rmwrap\"><a href=\"https:\/\/www.dmsjuridica.com\/buscador_20179478954\/corteconstitucionalcronologico202454587\/t-443-04\/\" class=\"_self pt-cv-readmore btn btn-success\" target=\"_self\">Ver Sentencia Completa...<\/a><\/div><\/div><\/div><\/div>\n<div class=\"col-md-12 col-sm-12 col-xs-12 pt-cv-content-item pt-cv-1-col\" ><div class='pt-cv-ifield'><a href=\"https:\/\/www.dmsjuridica.com\/buscador_20179478954\/corteconstitucionalcronologico202454587\/t-442-04\/\" class=\"_self pt-cv-href-thumbnail pt-cv-thumb-default\" target=\"_self\" ><\/a>\n<div class=\"pt-cv-taxoterm above_title\"><a href='https:\/\/www.dmsjuridica.com\/buscador_20179478954\/corteconstitucionalcronologico202454587\/category\/buscar-en-toda-la-corte\/2004\/tutelas-2004\/' title='Tutelas 2004' class='pt-cv-tax-tutelas-2004'>Tutelas 2004<\/a><\/div>\n<h4 class=\"pt-cv-title\"><a href=\"https:\/\/www.dmsjuridica.com\/buscador_20179478954\/corteconstitucionalcronologico202454587\/t-442-04\/\" class=\"_self\" target=\"_self\" >T-442-04<\/a><\/h4>\n<div class=\"pt-cv-content\">\u00a0 \u00a0 Sentencia T-442\/04 \u00a0 DERECHO A LA SALUD-Cuota del 10% que debe pagarse para cirug\u00eda por c\u00e1ncer de seno\/INCAPACIDAD ECONOMICA EN MATERIA DE SALUD \u00a0 En el presente caso, la peticionaria carece, de manera objetiva, de los recursos suficientes para costear el pago que le permita acceder al servicio de salud requerido con urgencia para conservar su integridad f\u00edsica y su vida. Ella tampoco tiene la posibilidad de procurarse la atenci\u00f3n por otros medios, tales como la medicina prepagada, los planes complementarios o los beneficios que surjan con ocasi\u00f3n de una relaci\u00f3n laboral. Por lo anterior, en aplicaci\u00f3n de ...<br \/><div class=\"pt-cv-rmwrap\"><a href=\"https:\/\/www.dmsjuridica.com\/buscador_20179478954\/corteconstitucionalcronologico202454587\/t-442-04\/\" class=\"_self pt-cv-readmore btn btn-success\" target=\"_self\">Ver Sentencia Completa...<\/a><\/div><\/div><\/div><\/div>\n<div class=\"col-md-12 col-sm-12 col-xs-12 pt-cv-content-item pt-cv-1-col\" ><div class='pt-cv-ifield'><a href=\"https:\/\/www.dmsjuridica.com\/buscador_20179478954\/corteconstitucionalcronologico202454587\/t-441-04\/\" class=\"_self pt-cv-href-thumbnail pt-cv-thumb-default\" target=\"_self\" ><\/a>\n<div class=\"pt-cv-taxoterm above_title\"><a href='https:\/\/www.dmsjuridica.com\/buscador_20179478954\/corteconstitucionalcronologico202454587\/category\/buscar-en-toda-la-corte\/2004\/tutelas-2004\/' title='Tutelas 2004' class='pt-cv-tax-tutelas-2004'>Tutelas 2004<\/a><\/div>\n<h4 class=\"pt-cv-title\"><a href=\"https:\/\/www.dmsjuridica.com\/buscador_20179478954\/corteconstitucionalcronologico202454587\/t-441-04\/\" class=\"_self\" target=\"_self\" >T-441-04<\/a><\/h4>\n<div class=\"pt-cv-content\">DERECHO AL BUEN NOMBRE-Fundamental\/LIBERTAD DE EXPRESION-Fundamental\/DERECHO A LA HONRA-Fundamental \u00a0 INFORMACION-No fue veraz, ni imparcial, ni responsable por lo que se vulneraron derechos fundamentales \u00a0 La informaci\u00f3n suministrada por el semanario Portada no fue veraz pues no guard\u00f3 correspondencia con lo acaecido. Tampoco fue imparcial ya que a trav\u00e9s de ella se tergiversaron los hechos al darles una apariencia que no ten\u00edan y al cuestionar, a partir de ellos y de manera ilegal e injusta, el proceder del Defensor Regional del Pueblo. La informaci\u00f3n suministrada no fue responsable ya que, de manera injustificada, afect\u00f3 el buen nombre y la honra ...<br \/><div class=\"pt-cv-rmwrap\"><a href=\"https:\/\/www.dmsjuridica.com\/buscador_20179478954\/corteconstitucionalcronologico202454587\/t-441-04\/\" class=\"_self pt-cv-readmore btn btn-success\" target=\"_self\">Ver Sentencia Completa...<\/a><\/div><\/div><\/div><\/div>\n<div class=\"col-md-12 col-sm-12 col-xs-12 pt-cv-content-item pt-cv-1-col\" ><div class='pt-cv-ifield'><a href=\"https:\/\/www.dmsjuridica.com\/buscador_20179478954\/corteconstitucionalcronologico202454587\/t-440-04\/\" class=\"_self pt-cv-href-thumbnail pt-cv-thumb-default\" target=\"_self\" ><\/a>\n<div class=\"pt-cv-taxoterm above_title\"><a href='https:\/\/www.dmsjuridica.com\/buscador_20179478954\/corteconstitucionalcronologico202454587\/category\/buscar-en-toda-la-corte\/2004\/tutelas-2004\/' title='Tutelas 2004' class='pt-cv-tax-tutelas-2004'>Tutelas 2004<\/a><\/div>\n<h4 class=\"pt-cv-title\"><a href=\"https:\/\/www.dmsjuridica.com\/buscador_20179478954\/corteconstitucionalcronologico202454587\/t-440-04\/\" class=\"_self\" target=\"_self\" >T-440-04<\/a><\/h4>\n<div class=\"pt-cv-content\">\u00a0 \u00a0 Sentencia T-440\/04 \u00a0 ACCION DE TUTELA-Improcedencia por falta de comprobaci\u00f3n cierta de vulneraci\u00f3n de derechos fundamentales \u00a0 La improcedencia de la acci\u00f3n es manifiesta cuando del an\u00e1lisis de la solicitud efectuada ante el juez constitucional no se advierta la existencia de una vulneraci\u00f3n o amenaza de los derechos invocados respecto a sujetos jur\u00eddicos identificables, puesto que en estos eventos se est\u00e1 ante el incumplimiento del deber de acreditar la afectaci\u00f3n cierta del derecho fundamental. Esta regla tambi\u00e9n resulta aplicable cuando la vulneraci\u00f3n o amenaza recae sobre un n\u00famero plural de personas, inclusive si es elevado o cobija a ...<br \/><div class=\"pt-cv-rmwrap\"><a href=\"https:\/\/www.dmsjuridica.com\/buscador_20179478954\/corteconstitucionalcronologico202454587\/t-440-04\/\" class=\"_self pt-cv-readmore btn btn-success\" target=\"_self\">Ver Sentencia Completa...<\/a><\/div><\/div><\/div><\/div>\n<div class=\"col-md-12 col-sm-12 col-xs-12 pt-cv-content-item pt-cv-1-col\" ><div class='pt-cv-ifield'><a href=\"https:\/\/www.dmsjuridica.com\/buscador_20179478954\/corteconstitucionalcronologico202454587\/t-439-04\/\" class=\"_self pt-cv-href-thumbnail pt-cv-thumb-default\" target=\"_self\" ><\/a>\n<div class=\"pt-cv-taxoterm above_title\"><a href='https:\/\/www.dmsjuridica.com\/buscador_20179478954\/corteconstitucionalcronologico202454587\/category\/buscar-en-toda-la-corte\/2004\/tutelas-2004\/' title='Tutelas 2004' class='pt-cv-tax-tutelas-2004'>Tutelas 2004<\/a><\/div>\n<h4 class=\"pt-cv-title\"><a href=\"https:\/\/www.dmsjuridica.com\/buscador_20179478954\/corteconstitucionalcronologico202454587\/t-439-04\/\" class=\"_self\" target=\"_self\" >T-439-04<\/a><\/h4>\n<div class=\"pt-cv-content\">\u00a0 \u00a0 Sentencia T-439\/04 \u00a0 ACCION DE TUTELA CONTRA PROVIDENCIAS JUDICIALES POR VIA DE HECHO-Vulneraci\u00f3n de derechos fundamentales \u00a0 VIA DE HECHO EN PROCESO ORDINARIO POR FALTA DE COMPETENCIA-Se incurri\u00f3 en error al determinar la cuant\u00eda \u00a0 El yerro en que incurri\u00f3 el juez accionado al evaluar la cuant\u00eda implic\u00f3 que el proceso adoleciera de irregularidades que comprometen seriamente la garant\u00eda constitucional del debido proceso y que se traducen en verdaderas v\u00edas de hecho, como pasa a exponerse. En primer lugar, la falta de competencia, por cuanto de acuerdo con lo dispuesto en el C\u00f3digo de Procedimiento Civil el juez ...<br \/><div class=\"pt-cv-rmwrap\"><a href=\"https:\/\/www.dmsjuridica.com\/buscador_20179478954\/corteconstitucionalcronologico202454587\/t-439-04\/\" class=\"_self pt-cv-readmore btn btn-success\" target=\"_self\">Ver Sentencia Completa...<\/a><\/div><\/div><\/div><\/div>\n<div class=\"col-md-12 col-sm-12 col-xs-12 pt-cv-content-item pt-cv-1-col\" ><div class='pt-cv-ifield'><a href=\"https:\/\/www.dmsjuridica.com\/buscador_20179478954\/corteconstitucionalcronologico202454587\/t-438-04\/\" class=\"_self pt-cv-href-thumbnail pt-cv-thumb-default\" target=\"_self\" ><\/a>\n<div class=\"pt-cv-taxoterm above_title\"><a href='https:\/\/www.dmsjuridica.com\/buscador_20179478954\/corteconstitucionalcronologico202454587\/category\/buscar-en-toda-la-corte\/2004\/tutelas-2004\/' title='Tutelas 2004' class='pt-cv-tax-tutelas-2004'>Tutelas 2004<\/a><\/div>\n<h4 class=\"pt-cv-title\"><a href=\"https:\/\/www.dmsjuridica.com\/buscador_20179478954\/corteconstitucionalcronologico202454587\/t-438-04\/\" class=\"_self\" target=\"_self\" >T-438-04<\/a><\/h4>\n<div class=\"pt-cv-content\">\u00a0 \u00a0 Sentencia T-438\/04 \u00a0 DESAPARICION FORZADA DEL PENSIONADO-No se deja desprotegida a familia\/DESAPARICION FORZADA DEL PENSIONADO-Se debe promover la declaraci\u00f3n de muerte por desaparecimiento y la sustituci\u00f3n pensional \u00a0 SUSTITUCION PENSIONAL POR DESAPARECIMIENTO-Improcedencia de declaraci\u00f3n por juez de tutela \u00a0 SUSTITUCION PENSIONAL-Debe tramitarse para obtener la mesada del desaparecido \u00a0 Como existen instrumentos jur\u00eddicos que garantizan la continuidad en el pago de la mesada pensional ante la muerte o desaparici\u00f3n del pensionado, no existe necesidad de una doctrina constitucional que afirme ese derecho en condiciones de equidad y por ello no puede pretenderse la aplicaci\u00f3n de la doctrina sentada ...<br \/><div class=\"pt-cv-rmwrap\"><a href=\"https:\/\/www.dmsjuridica.com\/buscador_20179478954\/corteconstitucionalcronologico202454587\/t-438-04\/\" class=\"_self pt-cv-readmore btn btn-success\" target=\"_self\">Ver Sentencia Completa...<\/a><\/div><\/div><\/div><\/div>\n<div class=\"col-md-12 col-sm-12 col-xs-12 pt-cv-content-item pt-cv-1-col\" ><div class='pt-cv-ifield'><a href=\"https:\/\/www.dmsjuridica.com\/buscador_20179478954\/corteconstitucionalcronologico202454587\/t-437-04\/\" class=\"_self pt-cv-href-thumbnail pt-cv-thumb-default\" target=\"_self\" ><\/a>\n<div class=\"pt-cv-taxoterm above_title\"><a href='https:\/\/www.dmsjuridica.com\/buscador_20179478954\/corteconstitucionalcronologico202454587\/category\/buscar-en-toda-la-corte\/2004\/tutelas-2004\/' title='Tutelas 2004' class='pt-cv-tax-tutelas-2004'>Tutelas 2004<\/a><\/div>\n<h4 class=\"pt-cv-title\"><a href=\"https:\/\/www.dmsjuridica.com\/buscador_20179478954\/corteconstitucionalcronologico202454587\/t-437-04\/\" class=\"_self\" target=\"_self\" >T-437-04<\/a><\/h4>\n<div class=\"pt-cv-content\">\u00a0 \u00a0 Sentencia T-437\/04 \u00a0 DERECHO A LA INTIMIDAD-Concepto y desarrollo jurisprudencial \u00a0 DERECHO A LA INTIMIDAD DE PERSONAJES PUBLICOS \u00a0 Debe precisar la Sala, que \u00e9ste an\u00e1lisis var\u00eda cuando se trata de personajes p\u00fablicos, pues si bien es claro que \u00e9stos tienen derecho a solicitar la protecci\u00f3n de su derecho fundamental a la intimidad, su espacio de privacidad, en virtud de su desarrollo social, se ve reducido. \u00a0 DERECHO AL BUEN NOMBRE-Concepto y desarrollo jurisprudencial \u00a0 DERECHO A LA HONRA-Concepto y desarrollo jurisprudencial \u00a0 LIBERTAD DE INFORMACION Y LIBERTAD DE EXPRESION-Concepto y desarrollo jurisprudencial \u00a0 DERECHO A SOLICITAR RECTIFICACION ...<br \/><div class=\"pt-cv-rmwrap\"><a href=\"https:\/\/www.dmsjuridica.com\/buscador_20179478954\/corteconstitucionalcronologico202454587\/t-437-04\/\" class=\"_self pt-cv-readmore btn btn-success\" target=\"_self\">Ver Sentencia Completa...<\/a><\/div><\/div><\/div><\/div>\n<div class=\"col-md-12 col-sm-12 col-xs-12 pt-cv-content-item pt-cv-1-col\" ><div class='pt-cv-ifield'><a href=\"https:\/\/www.dmsjuridica.com\/buscador_20179478954\/corteconstitucionalcronologico202454587\/t-436-04\/\" class=\"_self pt-cv-href-thumbnail pt-cv-thumb-default\" target=\"_self\" ><\/a>\n<div class=\"pt-cv-taxoterm above_title\"><a href='https:\/\/www.dmsjuridica.com\/buscador_20179478954\/corteconstitucionalcronologico202454587\/category\/buscar-en-toda-la-corte\/2004\/tutelas-2004\/' title='Tutelas 2004' class='pt-cv-tax-tutelas-2004'>Tutelas 2004<\/a><\/div>\n<h4 class=\"pt-cv-title\"><a href=\"https:\/\/www.dmsjuridica.com\/buscador_20179478954\/corteconstitucionalcronologico202454587\/t-436-04\/\" class=\"_self\" target=\"_self\" >T-436-04<\/a><\/h4>\n<div class=\"pt-cv-content\">\u00a0 \u00a0 Sentencia T-436\/04 \u00a0 DERECHO A LA INTIMIDAD DE ENFERMO DE SIDA-Protecci\u00f3n por parte de la Corte Constitucional \u00a0 PRINCIPIO DE LIBRE ESCOGENCIA Y PRINCIPIO DE EQUIDAD-Contenido \u00a0 PRINCIPIO DE LIBRE ESCOGENCIA, PRINCIPIO DE MOVILIDAD Y PRINCIPIO DE NO DISCRIMINACION POR SELECCION ADVERSA\/DERECHO DE ACCESO A LA SEGURIDAD SOCIAL-Fundamental\/DERECHO A LA SALUD-Fundamental \u00a0 Es claro, que la libertad de escogencia es una garant\u00eda que goza de una triple connotaci\u00f3n, pues es a la vez, principio rector del SGSSS, caracter\u00edstica del mismo y un derecho para el afiliado, lo que configura correlativamente un mandato y deber de acatamiento para las ...<br \/><div class=\"pt-cv-rmwrap\"><a href=\"https:\/\/www.dmsjuridica.com\/buscador_20179478954\/corteconstitucionalcronologico202454587\/t-436-04\/\" class=\"_self pt-cv-readmore btn btn-success\" target=\"_self\">Ver Sentencia Completa...<\/a><\/div><\/div><\/div><\/div>\n<div class=\"col-md-12 col-sm-12 col-xs-12 pt-cv-content-item pt-cv-1-col\" ><div class='pt-cv-ifield'><a href=\"https:\/\/www.dmsjuridica.com\/buscador_20179478954\/corteconstitucionalcronologico202454587\/t-435-04\/\" class=\"_self pt-cv-href-thumbnail pt-cv-thumb-default\" target=\"_self\" ><\/a>\n<div class=\"pt-cv-taxoterm above_title\"><a href='https:\/\/www.dmsjuridica.com\/buscador_20179478954\/corteconstitucionalcronologico202454587\/category\/buscar-en-toda-la-corte\/2004\/tutelas-2004\/' title='Tutelas 2004' class='pt-cv-tax-tutelas-2004'>Tutelas 2004<\/a><\/div>\n<h4 class=\"pt-cv-title\"><a href=\"https:\/\/www.dmsjuridica.com\/buscador_20179478954\/corteconstitucionalcronologico202454587\/t-435-04\/\" class=\"_self\" target=\"_self\" >T-435-04<\/a><\/h4>\n<div class=\"pt-cv-content\">\u00a0 \u00a0 Sentencia T-435\/04 \u00a0 ACCION DE TUTELA PARA CUMPLIMIENTO DE SENTENCIAS-Procedencia para pago de pensi\u00f3n por sustituci\u00f3n pensional \u00a0 esta corporaci\u00f3n ha establecido de manera general, que la acci\u00f3n de tutela resulta improcedente para obtener el cumplimiento de las ordenes impartidas por los jueces ordinarios en sus sentencias, pues para tal fin, el ordenamiento jur\u00eddico ha previsto el respectivo proceso ejecutivo.. lo anterior, si se considera que dado el car\u00e1cter excepcional de la acci\u00f3n de tutela, esta no puede desplazar ni sustituir los mecanismos ordinarios establecidos en nuestro ordenamiento jur\u00eddico. no obstante, la jurisprudencia constitucional ha determinado que cuando ...<br \/><div class=\"pt-cv-rmwrap\"><a href=\"https:\/\/www.dmsjuridica.com\/buscador_20179478954\/corteconstitucionalcronologico202454587\/t-435-04\/\" class=\"_self pt-cv-readmore btn btn-success\" target=\"_self\">Ver Sentencia Completa...<\/a><\/div><\/div><\/div><\/div>\n<div class=\"col-md-12 col-sm-12 col-xs-12 pt-cv-content-item pt-cv-1-col\" ><div class='pt-cv-ifield'><a href=\"https:\/\/www.dmsjuridica.com\/buscador_20179478954\/corteconstitucionalcronologico202454587\/t-434-04\/\" class=\"_self pt-cv-href-thumbnail pt-cv-thumb-default\" target=\"_self\" ><\/a>\n<div class=\"pt-cv-taxoterm above_title\"><a href='https:\/\/www.dmsjuridica.com\/buscador_20179478954\/corteconstitucionalcronologico202454587\/category\/buscar-en-toda-la-corte\/2004\/tutelas-2004\/' title='Tutelas 2004' class='pt-cv-tax-tutelas-2004'>Tutelas 2004<\/a><\/div>\n<h4 class=\"pt-cv-title\"><a href=\"https:\/\/www.dmsjuridica.com\/buscador_20179478954\/corteconstitucionalcronologico202454587\/t-434-04\/\" class=\"_self\" target=\"_self\" >T-434-04<\/a><\/h4>\n<div class=\"pt-cv-content\">\u00a0 \u00a0 Sentencia T-434\/04 \u00a0 DERECHO A LA SALUD-Fundamental por conexidad con la vida \u00a0 ACCION DE TUTELA-Improcedencia por no configurarse elementos de juicio para suministro de tratamiento m\u00e9dico por EPS \u00a0 SUPERINTENDENCIA NACIONAL DE SALUD-Se remite copia de la sentencia para asegurar derechos fundamentales del demandante \u00a0 Referencia: expediente T-817889 \u00a0 Acci\u00f3n de tutela instaurada por Martha Ligia Espitia Doria contra Caprecom E.P.S., Regional Guajira \u00a0 Magistrada Ponente: \u00a0 Dra. CLARA IN\u00c9S VARGAS HERN\u00c1NDEZ \u00a0 Bogot\u00e1, D.C., seis (6) de mayo de dos mil cuatro (2004). \u00a0 La Sala Novena de Revisi\u00f3n de la Corte Constitucional, integrada por los ...<br \/><div class=\"pt-cv-rmwrap\"><a href=\"https:\/\/www.dmsjuridica.com\/buscador_20179478954\/corteconstitucionalcronologico202454587\/t-434-04\/\" class=\"_self pt-cv-readmore btn btn-success\" target=\"_self\">Ver Sentencia Completa...<\/a><\/div><\/div><\/div><\/div>\n<div class=\"col-md-12 col-sm-12 col-xs-12 pt-cv-content-item pt-cv-1-col\" ><div class='pt-cv-ifield'><a href=\"https:\/\/www.dmsjuridica.com\/buscador_20179478954\/corteconstitucionalcronologico202454587\/t-430-04\/\" class=\"_self pt-cv-href-thumbnail pt-cv-thumb-default\" target=\"_self\" ><\/a>\n<div class=\"pt-cv-taxoterm above_title\"><a href='https:\/\/www.dmsjuridica.com\/buscador_20179478954\/corteconstitucionalcronologico202454587\/category\/buscar-en-toda-la-corte\/2004\/tutelas-2004\/' title='Tutelas 2004' class='pt-cv-tax-tutelas-2004'>Tutelas 2004<\/a><\/div>\n<h4 class=\"pt-cv-title\"><a href=\"https:\/\/www.dmsjuridica.com\/buscador_20179478954\/corteconstitucionalcronologico202454587\/t-430-04\/\" class=\"_self\" target=\"_self\" >T-430-04<\/a><\/h4>\n<div class=\"pt-cv-content\">\u00a0 \u00a0 Sentencia T-430\/04 \u00a0 ACCION DE TUTELA-Hecho superado por inclusi\u00f3n en n\u00f3mina \u00a0 Referencia: expediente T-857607 \u00a0 Acci\u00f3n de tutela instaurada por Amparo Restrepo Boh\u00f3rquez contra el Seguro Social, Seccional Medell\u00edn.\u00a0 \u00a0 Magistrado Ponente: \u00a0 Dr. MANUEL JOS\u00c9 CEPEDA ESPINOSA \u00a0 Bogot\u00e1, D. C., seis (6) de mayo de dos mil cuatro (2004). \u00a0 La Sala Tercera de Revisi\u00f3n de la Corte Constitucional, integrada por los magistrados, Manuel Jos\u00e9 Cepeda Espinosa, Jaime C\u00f3rdoba Trivi\u00f1o y Rodrigo Escobar Gil, en ejercicio de sus competencias constitucionales y legales, ha proferido la siguiente \u00a0 SENTENCIA \u00a0 Amparo Bohorquez Restrepo interpuso acci\u00f3n de ...<br \/><div class=\"pt-cv-rmwrap\"><a href=\"https:\/\/www.dmsjuridica.com\/buscador_20179478954\/corteconstitucionalcronologico202454587\/t-430-04\/\" class=\"_self pt-cv-readmore btn btn-success\" target=\"_self\">Ver Sentencia Completa...<\/a><\/div><\/div><\/div><\/div>\n<div class=\"col-md-12 col-sm-12 col-xs-12 pt-cv-content-item pt-cv-1-col\" ><div class='pt-cv-ifield'><a href=\"https:\/\/www.dmsjuridica.com\/buscador_20179478954\/corteconstitucionalcronologico202454587\/t-429-04\/\" class=\"_self pt-cv-href-thumbnail pt-cv-thumb-default\" target=\"_self\" ><\/a>\n<div class=\"pt-cv-taxoterm above_title\"><a href='https:\/\/www.dmsjuridica.com\/buscador_20179478954\/corteconstitucionalcronologico202454587\/category\/buscar-en-toda-la-corte\/2004\/tutelas-2004\/' title='Tutelas 2004' class='pt-cv-tax-tutelas-2004'>Tutelas 2004<\/a><\/div>\n<h4 class=\"pt-cv-title\"><a href=\"https:\/\/www.dmsjuridica.com\/buscador_20179478954\/corteconstitucionalcronologico202454587\/t-429-04\/\" class=\"_self\" target=\"_self\" >T-429-04<\/a><\/h4>\n<div class=\"pt-cv-content\">\u00a0 \u00a0 Sentencia T-429\/04 \u00a0 ACCION DE TUTELA-Hecho superado por cuanto ISS respondi\u00f3 \u00a0 Reiteraci\u00f3n de Jurisprudencia \u00a0 Referencia: expediente T-863523 \u00a0 Acci\u00f3n de tutela instaurada por Maria Amanda Jaramillo Silva contra el Seguro Social, Seccional Itag\u00fci.\u00a0 \u00a0 Magistrado Ponente: \u00a0 Dr. MANUEL JOS\u00c9 CEPEDA ESPINOSA \u00a0 Bogot\u00e1, D. C., seis (6) de mayo de dos mil cuatro (2004). \u00a0 La Sala Tercera de Revisi\u00f3n de la Corte Constitucional, integrada por los magistrados, Manuel Jos\u00e9 Cepeda Espinosa, Jaime C\u00f3rdoba Trivi\u00f1o y Rodrigo Escobar Gil, en ejercicio de sus competencias constitucionales y legales, ha proferido la siguiente \u00a0 SENTENCIA \u00a0 Mar\u00eda ...<br \/><div class=\"pt-cv-rmwrap\"><a href=\"https:\/\/www.dmsjuridica.com\/buscador_20179478954\/corteconstitucionalcronologico202454587\/t-429-04\/\" class=\"_self pt-cv-readmore btn btn-success\" target=\"_self\">Ver Sentencia Completa...<\/a><\/div><\/div><\/div><\/div>\n<div class=\"col-md-12 col-sm-12 col-xs-12 pt-cv-content-item pt-cv-1-col\" ><div class='pt-cv-ifield'><a href=\"https:\/\/www.dmsjuridica.com\/buscador_20179478954\/corteconstitucionalcronologico202454587\/t-428-04\/\" class=\"_self pt-cv-href-thumbnail pt-cv-thumb-default\" target=\"_self\" ><\/a>\n<div class=\"pt-cv-taxoterm above_title\"><a href='https:\/\/www.dmsjuridica.com\/buscador_20179478954\/corteconstitucionalcronologico202454587\/category\/buscar-en-toda-la-corte\/2004\/tutelas-2004\/' title='Tutelas 2004' class='pt-cv-tax-tutelas-2004'>Tutelas 2004<\/a><\/div>\n<h4 class=\"pt-cv-title\"><a href=\"https:\/\/www.dmsjuridica.com\/buscador_20179478954\/corteconstitucionalcronologico202454587\/t-428-04\/\" class=\"_self\" target=\"_self\" >T-428-04<\/a><\/h4>\n<div class=\"pt-cv-content\">\u00a0 \u00a0 Sentencia T-428\/04 \u00a0 ACCION DE TUTELA CONTRA PROVIDENCIAS JUDICIALES-No admisi\u00f3n de demanda en jurisdicci\u00f3n contencioso administrativa \u00a0 la acci\u00f3n de tutela contra providencias judiciales o por existencia de una v\u00eda de hecho judicial, como lo ha establecido la Corte Constitucional, representa un mecanismo excepcional para el restablecimiento del orden constitucional, siempre y cuando la autoridad p\u00fablica, actuando de manera caprichosa o arbitraria., opte por desconocer groseramente el orden jur\u00eddico al cual, en virtud del principio de legalidad, se encuentra sometida. Tambi\u00e9n procede la tutela contra sentencias judiciales, cuando se acogen opciones hermen\u00e9uticas claramente contrarias a la eficacia real ...<br \/><div class=\"pt-cv-rmwrap\"><a href=\"https:\/\/www.dmsjuridica.com\/buscador_20179478954\/corteconstitucionalcronologico202454587\/t-428-04\/\" class=\"_self pt-cv-readmore btn btn-success\" target=\"_self\">Ver Sentencia Completa...<\/a><\/div><\/div><\/div><\/div>\n<div class=\"col-md-12 col-sm-12 col-xs-12 pt-cv-content-item pt-cv-1-col\" ><div class='pt-cv-ifield'><a href=\"https:\/\/www.dmsjuridica.com\/buscador_20179478954\/corteconstitucionalcronologico202454587\/t-427-04\/\" class=\"_self pt-cv-href-thumbnail pt-cv-thumb-default\" target=\"_self\" ><\/a>\n<div class=\"pt-cv-taxoterm above_title\"><a href='https:\/\/www.dmsjuridica.com\/buscador_20179478954\/corteconstitucionalcronologico202454587\/category\/buscar-en-toda-la-corte\/2004\/tutelas-2004\/' title='Tutelas 2004' class='pt-cv-tax-tutelas-2004'>Tutelas 2004<\/a><\/div>\n<h4 class=\"pt-cv-title\"><a href=\"https:\/\/www.dmsjuridica.com\/buscador_20179478954\/corteconstitucionalcronologico202454587\/t-427-04\/\" class=\"_self\" target=\"_self\" >T-427-04<\/a><\/h4>\n<div class=\"pt-cv-content\">\u00a0 \u00a0 Sentencia T-427\/04 \u00a0 DERECHO DE PETICION EN MATERIA PENSIONAL-T\u00e9rminos para resolver\/DERECHO DE PETICION-Resoluci\u00f3n oportuna y de fondo\/PENSION DE JUBILACION-T\u00e9rmino de seis meses para tr\u00e1mite y pago \u00a0 Las entidades que hacen parte del Sistema General de Pensiones, ya sean p\u00fablicas o privadas, cuentan con un t\u00e9rmino de seis (6) meses para hacer efectivo el derecho solicitado, el cual se concreta en el pago de la pensi\u00f3n respectiva. El mencionado t\u00e9rmino se distribuye as\u00ed: quince (15) d\u00edas para atender preliminarmente la petici\u00f3n y hacer las indicaciones que fueren pertinentes al solicitante; cuatro (4) meses para resolver la solicitud de ...<br \/><div class=\"pt-cv-rmwrap\"><a href=\"https:\/\/www.dmsjuridica.com\/buscador_20179478954\/corteconstitucionalcronologico202454587\/t-427-04\/\" class=\"_self pt-cv-readmore btn btn-success\" target=\"_self\">Ver Sentencia Completa...<\/a><\/div><\/div><\/div><\/div>\n<div class=\"col-md-12 col-sm-12 col-xs-12 pt-cv-content-item pt-cv-1-col\" ><div class='pt-cv-ifield'><a href=\"https:\/\/www.dmsjuridica.com\/buscador_20179478954\/corteconstitucionalcronologico202454587\/t-426-04\/\" class=\"_self pt-cv-href-thumbnail pt-cv-thumb-default\" target=\"_self\" ><\/a>\n<div class=\"pt-cv-taxoterm above_title\"><a href='https:\/\/www.dmsjuridica.com\/buscador_20179478954\/corteconstitucionalcronologico202454587\/category\/buscar-en-toda-la-corte\/2004\/tutelas-2004\/' title='Tutelas 2004' class='pt-cv-tax-tutelas-2004'>Tutelas 2004<\/a><\/div>\n<h4 class=\"pt-cv-title\"><a href=\"https:\/\/www.dmsjuridica.com\/buscador_20179478954\/corteconstitucionalcronologico202454587\/t-426-04\/\" class=\"_self\" target=\"_self\" >T-426-04<\/a><\/h4>\n<div class=\"pt-cv-content\">\u00a0 \u00a0 Sentencia T-426\/04 \u00a0 PRIMACIA DE LA REALIDAD SOBRE FORMALIDADES EN RELACIONES LABORALES\/CONTRATO REALIDAD \u00a0 Para identificar cuando se est\u00e1 ante una relaci\u00f3n de trabajo, se debe tener en cuenta lo prescrito por la Ley 50 de 1990, la cual se\u00f1ala que los elementos esenciales de una relaci\u00f3n de trabajo corresponden a: i) que la actividad sea cumplida personalmente por el trabajador; ii) que exista continua subordinaci\u00f3n o dependencia del trabajador respecto del empleador, que faculta a \u00e9ste para exigirle el cumplimiento de \u00f3rdenes, en cualquier momento, en cuanto al modo, tiempo, cantidad de trabajo, e imponerle reglamentos, la ...<br \/><div class=\"pt-cv-rmwrap\"><a href=\"https:\/\/www.dmsjuridica.com\/buscador_20179478954\/corteconstitucionalcronologico202454587\/t-426-04\/\" class=\"_self pt-cv-readmore btn btn-success\" target=\"_self\">Ver Sentencia Completa...<\/a><\/div><\/div><\/div><\/div>\n<div class=\"col-md-12 col-sm-12 col-xs-12 pt-cv-content-item pt-cv-1-col\" ><div class='pt-cv-ifield'><a href=\"https:\/\/www.dmsjuridica.com\/buscador_20179478954\/corteconstitucionalcronologico202454587\/t-425-04\/\" class=\"_self pt-cv-href-thumbnail pt-cv-thumb-default\" target=\"_self\" ><\/a>\n<div class=\"pt-cv-taxoterm above_title\"><a href='https:\/\/www.dmsjuridica.com\/buscador_20179478954\/corteconstitucionalcronologico202454587\/category\/buscar-en-toda-la-corte\/2004\/tutelas-2004\/' title='Tutelas 2004' class='pt-cv-tax-tutelas-2004'>Tutelas 2004<\/a><\/div>\n<h4 class=\"pt-cv-title\"><a href=\"https:\/\/www.dmsjuridica.com\/buscador_20179478954\/corteconstitucionalcronologico202454587\/t-425-04\/\" class=\"_self\" target=\"_self\" >T-425-04<\/a><\/h4>\n<div class=\"pt-cv-content\">\u00a0 \u00a0 Sentencia T-425\/04 \u00a0 ACCION DE TUTELA-Improcedencia general para reconocimiento de pensiones \u00a0 ACCION DE TUTELA-Subsidiariedad \u00a0 SUSTITUCION PENSIONAL-Finalidad \u00a0 DERECHO A LA SEGURIDAD SOCIAL-Igualdad de condiciones entre c\u00f3nyuges y compa\u00f1eros permanentes\/DERECHO A LA SEGURIDAD SOCIAL-Conflicto entre c\u00f3nyuge y compa\u00f1ero permanente se dirime por el apoyo y convivencia al momento de la muerte del trabajador \u00a0 Frente al derecho de la seguridad social, tanto los c\u00f3nyuges como compa\u00f1eros permanentes se encuentran en igualdad de condiciones y en caso de producirse un conflicto entre estas personas como potenciales titulares del mismo, la Corte ha establecido que el factor determinante para ...<br \/><div class=\"pt-cv-rmwrap\"><a href=\"https:\/\/www.dmsjuridica.com\/buscador_20179478954\/corteconstitucionalcronologico202454587\/t-425-04\/\" class=\"_self pt-cv-readmore btn btn-success\" target=\"_self\">Ver Sentencia Completa...<\/a><\/div><\/div><\/div><\/div>\n<div class=\"col-md-12 col-sm-12 col-xs-12 pt-cv-content-item pt-cv-1-col\" ><div class='pt-cv-ifield'><a href=\"https:\/\/www.dmsjuridica.com\/buscador_20179478954\/corteconstitucionalcronologico202454587\/t-424-04\/\" class=\"_self pt-cv-href-thumbnail pt-cv-thumb-default\" target=\"_self\" ><\/a>\n<div class=\"pt-cv-taxoterm above_title\"><a href='https:\/\/www.dmsjuridica.com\/buscador_20179478954\/corteconstitucionalcronologico202454587\/category\/buscar-en-toda-la-corte\/2004\/tutelas-2004\/' title='Tutelas 2004' class='pt-cv-tax-tutelas-2004'>Tutelas 2004<\/a><\/div>\n<h4 class=\"pt-cv-title\"><a href=\"https:\/\/www.dmsjuridica.com\/buscador_20179478954\/corteconstitucionalcronologico202454587\/t-424-04\/\" class=\"_self\" target=\"_self\" >T-424-04<\/a><\/h4>\n<div class=\"pt-cv-content\">\u00a0 \u00a0 Sentencia T-424\/04 \u00a0 ACCION DE TUTELA-Procedencia para garantizar el ejercicio del cargo para el que fue elegido Alcalde \u00a0 Como el demandante utiliz\u00f3 el mecanismo con que el ordenamiento cuenta para que quien resulte afectado por una sentencia ejecutoriada, dictada por cualquiera de las secciones o subsecciones del Consejo de Estado, obtenga el restablecimiento de sus derechos, sin la eficacia esperada, en cuanto lo decidido por el juez de la causa no se ha cumplido, pod\u00eda instaurar la acci\u00f3n de tutela \u2013como efectivamente lo hizo-con miras a que el juez constitucional sea quien garantice el ejercicio del cargo ...<br \/><div class=\"pt-cv-rmwrap\"><a href=\"https:\/\/www.dmsjuridica.com\/buscador_20179478954\/corteconstitucionalcronologico202454587\/t-424-04\/\" class=\"_self pt-cv-readmore btn btn-success\" target=\"_self\">Ver Sentencia Completa...<\/a><\/div><\/div><\/div><\/div>\n<div class=\"col-md-12 col-sm-12 col-xs-12 pt-cv-content-item pt-cv-1-col\" ><div class='pt-cv-ifield'><a href=\"https:\/\/www.dmsjuridica.com\/buscador_20179478954\/corteconstitucionalcronologico202454587\/t-423-04\/\" class=\"_self pt-cv-href-thumbnail pt-cv-thumb-default\" target=\"_self\" ><\/a>\n<div class=\"pt-cv-taxoterm above_title\"><a href='https:\/\/www.dmsjuridica.com\/buscador_20179478954\/corteconstitucionalcronologico202454587\/category\/buscar-en-toda-la-corte\/2004\/tutelas-2004\/' title='Tutelas 2004' class='pt-cv-tax-tutelas-2004'>Tutelas 2004<\/a><\/div>\n<h4 class=\"pt-cv-title\"><a href=\"https:\/\/www.dmsjuridica.com\/buscador_20179478954\/corteconstitucionalcronologico202454587\/t-423-04\/\" class=\"_self\" target=\"_self\" >T-423-04<\/a><\/h4>\n<div class=\"pt-cv-content\">\u00a0 \u00a0 Sentencia T-423\/04 \u00a0 SISTEMA GENERAL DE SEGURIDAD SOCIAL EN SALUD-Alcance \u00a0 SISTEMA GENERAL DE SEGURIDAD SOCIAL EN SALUD-Reglamentaci\u00f3n \u00a0 REGIMEN SUBSIDIADO DE SEGURIDAD SOCIAL EN SALUD-Participantes vinculados\/SISBEN-Deber de atender a los participantes vinculados al sistema de salud \u00a0 Es as\u00ed como las empresas encargadas del sistema de salud no pueden, sin quebrantar gravemente el ordenamiento positivo, efectuar acto alguno ni incurrir en omisi\u00f3n que pueda comprometer la continuidad del servicio y en consecuencia la eficiencia del mismo. Es obligaci\u00f3n primordial, tanto de las entidades estatales como de los particulares que participen en la prestaci\u00f3n del servicio p\u00fablico de ...<br \/><div class=\"pt-cv-rmwrap\"><a href=\"https:\/\/www.dmsjuridica.com\/buscador_20179478954\/corteconstitucionalcronologico202454587\/t-423-04\/\" class=\"_self pt-cv-readmore btn btn-success\" target=\"_self\">Ver Sentencia Completa...<\/a><\/div><\/div><\/div><\/div>\n<div class=\"col-md-12 col-sm-12 col-xs-12 pt-cv-content-item pt-cv-1-col\" ><div class='pt-cv-ifield'><a href=\"https:\/\/www.dmsjuridica.com\/buscador_20179478954\/corteconstitucionalcronologico202454587\/t-422-04\/\" class=\"_self pt-cv-href-thumbnail pt-cv-thumb-default\" target=\"_self\" ><\/a>\n<div class=\"pt-cv-taxoterm above_title\"><a href='https:\/\/www.dmsjuridica.com\/buscador_20179478954\/corteconstitucionalcronologico202454587\/category\/buscar-en-toda-la-corte\/2004\/tutelas-2004\/' title='Tutelas 2004' class='pt-cv-tax-tutelas-2004'>Tutelas 2004<\/a><\/div>\n<h4 class=\"pt-cv-title\"><a href=\"https:\/\/www.dmsjuridica.com\/buscador_20179478954\/corteconstitucionalcronologico202454587\/t-422-04\/\" class=\"_self\" target=\"_self\" >T-422-04<\/a><\/h4>\n<div class=\"pt-cv-content\">\u00a0 \u00a0 Sentencia T-422\/04 \u00a0 DERECHO A LA SALUD-Cirug\u00eda por presentar hernia inguinal \u00a0 DERECHO A LA VIDA-Alcance \u00a0 DERECHO A LA VIDA-Adopci\u00f3n de medidas para programaci\u00f3n de intervenci\u00f3n quir\u00fargica \u00a0 Reiteraci\u00f3n de Jurisprudencia \u00a0 Referencia: expediente T-854462 \u00a0 Acci\u00f3n de tutela de Luz Marina Paniagua \u00c1lvarez, como agente oficioso de Ra\u00fal de Jes\u00fas Garc\u00eda Zapata contra el Seguro Social Seccional Antioquia. \u00a0 Procedencia: Juzgado Sexto Laboral del Circuito de Medell\u00edn. \u00a0 Magistrado Ponente:\u00a0 \u00a0 Dr. ALFREDO BELTR\u00c1N SIERRA. \u00a0 Bogot\u00e1, D. C., seis (6) de mayo de dos mil cuatro (2004). \u00a0 La Sala Segunda (2a.) de Revisi\u00f3n de ...<br \/><div class=\"pt-cv-rmwrap\"><a href=\"https:\/\/www.dmsjuridica.com\/buscador_20179478954\/corteconstitucionalcronologico202454587\/t-422-04\/\" class=\"_self pt-cv-readmore btn btn-success\" target=\"_self\">Ver Sentencia Completa...<\/a><\/div><\/div><\/div><\/div>\n<div class=\"col-md-12 col-sm-12 col-xs-12 pt-cv-content-item pt-cv-1-col\" ><div class='pt-cv-ifield'><a href=\"https:\/\/www.dmsjuridica.com\/buscador_20179478954\/corteconstitucionalcronologico202454587\/t-421-04\/\" class=\"_self pt-cv-href-thumbnail pt-cv-thumb-default\" target=\"_self\" ><\/a>\n<div class=\"pt-cv-taxoterm above_title\"><a href='https:\/\/www.dmsjuridica.com\/buscador_20179478954\/corteconstitucionalcronologico202454587\/category\/buscar-en-toda-la-corte\/2004\/tutelas-2004\/' title='Tutelas 2004' class='pt-cv-tax-tutelas-2004'>Tutelas 2004<\/a><\/div>\n<h4 class=\"pt-cv-title\"><a href=\"https:\/\/www.dmsjuridica.com\/buscador_20179478954\/corteconstitucionalcronologico202454587\/t-421-04\/\" class=\"_self\" target=\"_self\" >T-421-04<\/a><\/h4>\n<div class=\"pt-cv-content\">\u00a0 \u00a0 Sentencia T-421\/04 \u00a0 LICENCIA DE MATERNIDAD-Protecci\u00f3n constitucional \u00a0 LICENCIA DE MATERNIDAD-Procedencia excepcional de tutela para el pago \u00a0 LICENCIA DE MATERNIDAD-Objeto \u00a0 ALLANAMIENTO A LA MORA POR EL INSTITUTO DE SEGURO SOCIAL\/SEGURO SOCIAL-Pago licencia de maternidad \u00a0 MORA PATRONAL-Prestaci\u00f3n de servicios de salud primaria o subsidiariamente\/ENTIDAD PROMOTORA DE SALUD-Repetici\u00f3n contra el empleador \u00a0 Referencia: expediente T-851715 \u00a0 Acci\u00f3n de tutela instaurada por Nohora Esmeralda Corredor Rivera contra COMPENSAR EPS seccional Bogot\u00e1. \u00a0 Magistrado Ponente:\u00a0 \u00a0 Dr. ALFREDO BELTR\u00c1N SIERRA. \u00a0 Bogot\u00e1, D. C., seis (6) de mayo de dos mil cuatro (2004). \u00a0 La Sala Segunda (2a.) de ...<br \/><div class=\"pt-cv-rmwrap\"><a href=\"https:\/\/www.dmsjuridica.com\/buscador_20179478954\/corteconstitucionalcronologico202454587\/t-421-04\/\" class=\"_self pt-cv-readmore btn btn-success\" target=\"_self\">Ver Sentencia Completa...<\/a><\/div><\/div><\/div><\/div>\n<div class=\"col-md-12 col-sm-12 col-xs-12 pt-cv-content-item pt-cv-1-col\" ><div class='pt-cv-ifield'><a href=\"https:\/\/www.dmsjuridica.com\/buscador_20179478954\/corteconstitucionalcronologico202454587\/t-420-04\/\" class=\"_self pt-cv-href-thumbnail pt-cv-thumb-default\" target=\"_self\" ><\/a>\n<div class=\"pt-cv-taxoterm above_title\"><a href='https:\/\/www.dmsjuridica.com\/buscador_20179478954\/corteconstitucionalcronologico202454587\/category\/buscar-en-toda-la-corte\/2004\/tutelas-2004\/' title='Tutelas 2004' class='pt-cv-tax-tutelas-2004'>Tutelas 2004<\/a><\/div>\n<h4 class=\"pt-cv-title\"><a href=\"https:\/\/www.dmsjuridica.com\/buscador_20179478954\/corteconstitucionalcronologico202454587\/t-420-04\/\" class=\"_self\" target=\"_self\" >T-420-04<\/a><\/h4>\n<div class=\"pt-cv-content\">\u00a0 \u00a0 Sentencia T-420\/04 \u00a0 INCAPACIDAD LABORAL-No pago por existir discusi\u00f3n de tipo econ\u00f3mico entre la empresa prestadora de salud y la ARS\/ACCION DE TUTELA-Improcedencia por no existir perjuicio irremediable \u00a0 INCAPACIDAD LABORAL-Se suspende ante la declaraci\u00f3n de incapacidad permanente parcial \u00a0 Al demandante le concedieron varias incapacidades, unas canceladas y otras no. No obstante, se observa por la Sala que la negativa de la A.R.P. Colmena Riesgos Profesionales al pago de las incapacidades que se reclaman, obedece al hecho de que la Junta Regional de Calificaci\u00f3n de Invalidez Regional Barranquilla, declar\u00f3 una incapacidad permanente parcial, cuyo pago le correspondi\u00f3 ...<br \/><div class=\"pt-cv-rmwrap\"><a href=\"https:\/\/www.dmsjuridica.com\/buscador_20179478954\/corteconstitucionalcronologico202454587\/t-420-04\/\" class=\"_self pt-cv-readmore btn btn-success\" target=\"_self\">Ver Sentencia Completa...<\/a><\/div><\/div><\/div><\/div>\n<div class=\"col-md-12 col-sm-12 col-xs-12 pt-cv-content-item pt-cv-1-col\" ><div class='pt-cv-ifield'><a href=\"https:\/\/www.dmsjuridica.com\/buscador_20179478954\/corteconstitucionalcronologico202454587\/t-419-04\/\" class=\"_self pt-cv-href-thumbnail pt-cv-thumb-default\" target=\"_self\" ><\/a>\n<div class=\"pt-cv-taxoterm above_title\"><a href='https:\/\/www.dmsjuridica.com\/buscador_20179478954\/corteconstitucionalcronologico202454587\/category\/buscar-en-toda-la-corte\/2004\/tutelas-2004\/' title='Tutelas 2004' class='pt-cv-tax-tutelas-2004'>Tutelas 2004<\/a><\/div>\n<h4 class=\"pt-cv-title\"><a href=\"https:\/\/www.dmsjuridica.com\/buscador_20179478954\/corteconstitucionalcronologico202454587\/t-419-04\/\" class=\"_self\" target=\"_self\" >T-419-04<\/a><\/h4>\n<div class=\"pt-cv-content\">\u00a0 \u00a0 Sentencia T-419\/04 \u00a0 ENTIDAD BANCARIA-Deber especial de solidaridad con desplazado que es deudor moroso \u00a0 DEBER DE SOLIDARIDAD CON PERSONAS QUE SE ENCUENTRAN EN CIRCUNSTANCIAS DE DEBILIDAD MANIFIESTA\/OBLIGACION DE SOCORRO Y AYUDA A DESPLAZADOS \u00a0 ENTIDAD BANCARIA-Exigibilidad pago de deudas a desplazado por cr\u00e9dito otorgado \u00a0 El desconocimiento de los derechos fundamentales alegados por una persona desplazada (vida, igualdad, libertad u otro derecho fundamental), se violan cuando una entidad bancaria le exige el pago de su obligaci\u00f3n sin considerar los efectos que tiene la condici\u00f3n de desplazado sobre sus posibilidades de cumplir tal pago se rompe el deber ...<br \/><div class=\"pt-cv-rmwrap\"><a href=\"https:\/\/www.dmsjuridica.com\/buscador_20179478954\/corteconstitucionalcronologico202454587\/t-419-04\/\" class=\"_self pt-cv-readmore btn btn-success\" target=\"_self\">Ver Sentencia Completa...<\/a><\/div><\/div><\/div><\/div>\n<div class=\"col-md-12 col-sm-12 col-xs-12 pt-cv-content-item pt-cv-1-col\" ><div class='pt-cv-ifield'><a href=\"https:\/\/www.dmsjuridica.com\/buscador_20179478954\/corteconstitucionalcronologico202454587\/t-418-04\/\" class=\"_self pt-cv-href-thumbnail pt-cv-thumb-default\" target=\"_self\" ><\/a>\n<div class=\"pt-cv-taxoterm above_title\"><a href='https:\/\/www.dmsjuridica.com\/buscador_20179478954\/corteconstitucionalcronologico202454587\/category\/buscar-en-toda-la-corte\/2004\/tutelas-2004\/' title='Tutelas 2004' class='pt-cv-tax-tutelas-2004'>Tutelas 2004<\/a><\/div>\n<h4 class=\"pt-cv-title\"><a href=\"https:\/\/www.dmsjuridica.com\/buscador_20179478954\/corteconstitucionalcronologico202454587\/t-418-04\/\" class=\"_self\" target=\"_self\" >T-418-04<\/a><\/h4>\n<div class=\"pt-cv-content\">\u00a0 \u00a0 Sentencia T-418\/04 \u00a0 LICENCIA DE CONDUCCION-Retenci\u00f3n \u00a0 C\u00f3mo lo que se discute en esta acci\u00f3n de tutela es la retenci\u00f3n de la licencia de conducci\u00f3n cuando existe mora en el pago de multas impuestas por infracciones de tr\u00e1nsito, tal como estaba previsto en el art\u00edculo 140 del C\u00f3digo Nacional de Tr\u00e1nsito, hay que se\u00f1alar que esta disposici\u00f3n fue objeto de pronunciamiento de constitucionalidad por la Corte Constitucional, declarando inexequible las expresiones correspondientes a hacer esta retenci\u00f3n. \u00a0 LICENCIA DE CONDUCCION-No existe disposici\u00f3n legal que permita retenci\u00f3n \u00a0 En consecuencia, por no existir disposici\u00f3n legal que ampare la retenci\u00f3n ...<br \/><div class=\"pt-cv-rmwrap\"><a href=\"https:\/\/www.dmsjuridica.com\/buscador_20179478954\/corteconstitucionalcronologico202454587\/t-418-04\/\" class=\"_self pt-cv-readmore btn btn-success\" target=\"_self\">Ver Sentencia Completa...<\/a><\/div><\/div><\/div><\/div>\n<div class=\"col-md-12 col-sm-12 col-xs-12 pt-cv-content-item pt-cv-1-col\" ><div class='pt-cv-ifield'><a href=\"https:\/\/www.dmsjuridica.com\/buscador_20179478954\/corteconstitucionalcronologico202454587\/t-417-04\/\" class=\"_self pt-cv-href-thumbnail pt-cv-thumb-default\" target=\"_self\" ><\/a>\n<div class=\"pt-cv-taxoterm above_title\"><a href='https:\/\/www.dmsjuridica.com\/buscador_20179478954\/corteconstitucionalcronologico202454587\/category\/buscar-en-toda-la-corte\/2004\/tutelas-2004\/' title='Tutelas 2004' class='pt-cv-tax-tutelas-2004'>Tutelas 2004<\/a><\/div>\n<h4 class=\"pt-cv-title\"><a href=\"https:\/\/www.dmsjuridica.com\/buscador_20179478954\/corteconstitucionalcronologico202454587\/t-417-04\/\" class=\"_self\" target=\"_self\" >T-417-04<\/a><\/h4>\n<div class=\"pt-cv-content\">\u00a0 \u00a0 Sentencia T-417\/04 \u00a0 RED DE SOLIDARIDAD SOCIAL-Solicitud de subsidio para personas v\u00edctimas de atentados terroristas no fue extempor\u00e1nea \u00a0 La solicitud hecha ante la Red de Solidaridad Social, no fue extempor\u00e1nea como lo argumenta la entidad, tan s\u00f3lo hab\u00edan transcurrido seis meses despu\u00e9s del deceso de su hijo. Por ello, no puede \u00e9sta ser la raz\u00f3n por la cual, la Red de Solidaridad Social considere que los actores no son acreedores a la ayuda humanitaria que reclaman, mas a\u00fan cuando \u201chay derecho a protecci\u00f3n cuando un titular de derechos fundamentales le exige al Estado que lo defienda frente ...<br \/><div class=\"pt-cv-rmwrap\"><a href=\"https:\/\/www.dmsjuridica.com\/buscador_20179478954\/corteconstitucionalcronologico202454587\/t-417-04\/\" class=\"_self pt-cv-readmore btn btn-success\" target=\"_self\">Ver Sentencia Completa...<\/a><\/div><\/div><\/div><\/div>\n<div class=\"col-md-12 col-sm-12 col-xs-12 pt-cv-content-item pt-cv-1-col\" ><div class='pt-cv-ifield'><a href=\"https:\/\/www.dmsjuridica.com\/buscador_20179478954\/corteconstitucionalcronologico202454587\/t-416-04\/\" class=\"_self pt-cv-href-thumbnail pt-cv-thumb-default\" target=\"_self\" ><\/a>\n<div class=\"pt-cv-taxoterm above_title\"><a href='https:\/\/www.dmsjuridica.com\/buscador_20179478954\/corteconstitucionalcronologico202454587\/category\/buscar-en-toda-la-corte\/2004\/tutelas-2004\/' title='Tutelas 2004' class='pt-cv-tax-tutelas-2004'>Tutelas 2004<\/a><\/div>\n<h4 class=\"pt-cv-title\"><a href=\"https:\/\/www.dmsjuridica.com\/buscador_20179478954\/corteconstitucionalcronologico202454587\/t-416-04\/\" class=\"_self\" target=\"_self\" >T-416-04<\/a><\/h4>\n<div class=\"pt-cv-content\">\u00a0 \u00a0 Sentencia T-416\/04 \u00a0 DERECHO A LA ESTABILIDAD LABORAL REFORZADA DE MUJER EMBARAZADA-Protecci\u00f3n constitucional especial \u00a0 ACCION DE TUTELA TRANSITORIA DE MUJER EMBARAZADA-Elementos f\u00e1cticos que deben demostrarse \u00a0 RECOMENDACIONES DE LA ORGANIZACION INTERNACIONAL DEL TRABAJO-Alcance interpretativo \u00a0 ACCION DE TUTELA-Improcedencia sobre asuntos que requieren debate judicial sometido a plenitud de garant\u00edas\/CONTROVERSIA LABORAL-Existencia o no de v\u00ednculo laboral \u00a0 As\u00ed las cosas, como lo se\u00f1ala el juez a quo, se colige que entre la accionante y la empresa accionada, no exist\u00eda ning\u00fan v\u00ednculo laboral, raz\u00f3n por la cual no puede alegarse violaci\u00f3n alguna de derechos fundamentales en relaci\u00f3n con esa ...<br \/><div class=\"pt-cv-rmwrap\"><a href=\"https:\/\/www.dmsjuridica.com\/buscador_20179478954\/corteconstitucionalcronologico202454587\/t-416-04\/\" class=\"_self pt-cv-readmore btn btn-success\" target=\"_self\">Ver Sentencia Completa...<\/a><\/div><\/div><\/div><\/div>\n<div class=\"col-md-12 col-sm-12 col-xs-12 pt-cv-content-item pt-cv-1-col\" ><div class='pt-cv-ifield'><a href=\"https:\/\/www.dmsjuridica.com\/buscador_20179478954\/corteconstitucionalcronologico202454587\/t-415-04\/\" class=\"_self pt-cv-href-thumbnail pt-cv-thumb-default\" target=\"_self\" ><\/a>\n<div class=\"pt-cv-taxoterm above_title\"><a href='https:\/\/www.dmsjuridica.com\/buscador_20179478954\/corteconstitucionalcronologico202454587\/category\/buscar-en-toda-la-corte\/2004\/tutelas-2004\/' title='Tutelas 2004' class='pt-cv-tax-tutelas-2004'>Tutelas 2004<\/a><\/div>\n<h4 class=\"pt-cv-title\"><a href=\"https:\/\/www.dmsjuridica.com\/buscador_20179478954\/corteconstitucionalcronologico202454587\/t-415-04\/\" class=\"_self\" target=\"_self\" >T-415-04<\/a><\/h4>\n<div class=\"pt-cv-content\">\u00a0 \u00a0 Sentencia T-415\/04 \u00a0 DERECHO A LA SEGURIDAD SOCIAL EN PENSIONES-Fundamental por conexidad \u00a0 DERECHO AL MINIMO VITAL DEL PENSIONADO-Pago oportuno de mesadas \u00a0 ACCION DE TUTELA-Hecho superado por pago de mesadas pensionales \u00a0 Referencia: expediente T-847877 \u00a0 Accionante: Mar\u00eda Catalina Palacios de Mosquera \u00a0 \u00a0 Procedencia: Juzgado Primero Penal del Circuito de Quibd\u00f3 \u00a0 Magistrado Ponente:\u00a0 \u00a0 Dr. MARCO GERARDO MONROY CABRA \u00a0 Bogot\u00e1 D.C., seis (6) de mayo de dos mil cuatro (2004). \u00a0 La Sala Sexta de la Corte Constitucional, integrada por los Magistrados doctores, Eduardo Montealegre Lynett, \u00c1lvaro Tafur Galvis y Marco Gerardo Monroy Cabra, ...<br \/><div class=\"pt-cv-rmwrap\"><a href=\"https:\/\/www.dmsjuridica.com\/buscador_20179478954\/corteconstitucionalcronologico202454587\/t-415-04\/\" class=\"_self pt-cv-readmore btn btn-success\" target=\"_self\">Ver Sentencia Completa...<\/a><\/div><\/div><\/div><\/div>\n<div class=\"col-md-12 col-sm-12 col-xs-12 pt-cv-content-item pt-cv-1-col\" ><div class='pt-cv-ifield'><a href=\"https:\/\/www.dmsjuridica.com\/buscador_20179478954\/corteconstitucionalcronologico202454587\/t-414-04\/\" class=\"_self pt-cv-href-thumbnail pt-cv-thumb-default\" target=\"_self\" ><\/a>\n<div class=\"pt-cv-taxoterm above_title\"><a href='https:\/\/www.dmsjuridica.com\/buscador_20179478954\/corteconstitucionalcronologico202454587\/category\/buscar-en-toda-la-corte\/2004\/tutelas-2004\/' title='Tutelas 2004' class='pt-cv-tax-tutelas-2004'>Tutelas 2004<\/a><\/div>\n<h4 class=\"pt-cv-title\"><a href=\"https:\/\/www.dmsjuridica.com\/buscador_20179478954\/corteconstitucionalcronologico202454587\/t-414-04\/\" class=\"_self\" target=\"_self\" >T-414-04<\/a><\/h4>\n<div class=\"pt-cv-content\">\u00a0 \u00a0 Sentencia 414\/04 \u00a0 ACCION DE TUTELA-Procedencia excepcional pago de mesadas pensionales atrasadas \u00a0 ACCION DE TUTELA-Procedencia para el pago de pensi\u00f3n de invalidez \u00a0 DERECHO AL MINIMO VITAL DEL PENSIONADO-Presunci\u00f3n de afectaci\u00f3n por ausencia prolongada en pago de mesadas \u00a0 \u00a0 Referencia: expediente T-858388 \u00a0 \u00a0 Peticionario : Mario de Jes\u00fas Vergara Ram\u00edrez \u00a0 Procedencia: Juzgado Quinto Civil del Circuito de Medell\u00edn \u00a0 Tema: Pago oportuno de la pensi\u00f3n de invalidez. \u00a0 Magistrado Ponente: \u00a0 Dr. MARCO GERARDO MONROY CABRA \u00a0 Bogot\u00e1, D. C., seis (6) de mayo de dos mil cuatro (2004). \u00a0 La Sala Sexta de ...<br \/><div class=\"pt-cv-rmwrap\"><a href=\"https:\/\/www.dmsjuridica.com\/buscador_20179478954\/corteconstitucionalcronologico202454587\/t-414-04\/\" class=\"_self pt-cv-readmore btn btn-success\" target=\"_self\">Ver Sentencia Completa...<\/a><\/div><\/div><\/div><\/div>\n<div class=\"col-md-12 col-sm-12 col-xs-12 pt-cv-content-item pt-cv-1-col\" ><div class='pt-cv-ifield'><a href=\"https:\/\/www.dmsjuridica.com\/buscador_20179478954\/corteconstitucionalcronologico202454587\/t-413-04\/\" class=\"_self pt-cv-href-thumbnail pt-cv-thumb-default\" target=\"_self\" ><\/a>\n<div class=\"pt-cv-taxoterm above_title\"><a href='https:\/\/www.dmsjuridica.com\/buscador_20179478954\/corteconstitucionalcronologico202454587\/category\/buscar-en-toda-la-corte\/2004\/tutelas-2004\/' title='Tutelas 2004' class='pt-cv-tax-tutelas-2004'>Tutelas 2004<\/a><\/div>\n<h4 class=\"pt-cv-title\"><a href=\"https:\/\/www.dmsjuridica.com\/buscador_20179478954\/corteconstitucionalcronologico202454587\/t-413-04\/\" class=\"_self\" target=\"_self\" >T-413-04<\/a><\/h4>\n<div class=\"pt-cv-content\">\u00a0 \u00a0 Sentencia T-413\/04 \u00a0 INCAPACIDAD LABORAL-No pago por existir discusi\u00f3n de tipo econ\u00f3mico \u00a0 COOMEVA EPS-Allanamiento a la mora en pago de aportes a salud \u00a0 Si bien hasta el momento la Corporaci\u00f3n ha aplicado la tesis del allanamiento a la mora a negativas de pago de licencia de maternidad, esta Sala de Revisi\u00f3n considera que tal criterio tambi\u00e9n puede ser aplicado, mutatis mutandi, cuando por la mora en el pago de los aportes en salud por parte del patrono se niega el pago de una incapacidad laboral, lleg\u00e1ndose a afectar el m\u00ednimo vital. En esta situaci\u00f3n se presentan ...<br \/><div class=\"pt-cv-rmwrap\"><a href=\"https:\/\/www.dmsjuridica.com\/buscador_20179478954\/corteconstitucionalcronologico202454587\/t-413-04\/\" class=\"_self pt-cv-readmore btn btn-success\" target=\"_self\">Ver Sentencia Completa...<\/a><\/div><\/div><\/div><\/div>\n<div class=\"col-md-12 col-sm-12 col-xs-12 pt-cv-content-item pt-cv-1-col\" ><div class='pt-cv-ifield'><a href=\"https:\/\/www.dmsjuridica.com\/buscador_20179478954\/corteconstitucionalcronologico202454587\/t-412-04\/\" class=\"_self pt-cv-href-thumbnail pt-cv-thumb-default\" target=\"_self\" ><\/a>\n<div class=\"pt-cv-taxoterm above_title\"><a href='https:\/\/www.dmsjuridica.com\/buscador_20179478954\/corteconstitucionalcronologico202454587\/category\/buscar-en-toda-la-corte\/2004\/tutelas-2004\/' title='Tutelas 2004' class='pt-cv-tax-tutelas-2004'>Tutelas 2004<\/a><\/div>\n<h4 class=\"pt-cv-title\"><a href=\"https:\/\/www.dmsjuridica.com\/buscador_20179478954\/corteconstitucionalcronologico202454587\/t-412-04\/\" class=\"_self\" target=\"_self\" >T-412-04<\/a><\/h4>\n<div class=\"pt-cv-content\">\u00a0 \u00a0 Sentencia T-412\/04 \u00a0 DERECHO A LA SALUD DEL MENOR-Fundamental \u00a0 De otra parte, las circunstancias en que se encuentra el menor N\u00e9stor Juli\u00e1n Canal Ochoa al padecer de par\u00e1lisis cerebral, padecimiento que le dificulta su desarrollo motor, implican que sea objeto de la especial protecci\u00f3n que ordena el art\u00edculo 13 de la Constituci\u00f3n Pol\u00edtica cuando afirma que \u201cEl Estado proteger\u00e1 especialmente a aquellas personas que por su condici\u00f3n econ\u00f3mica, f\u00edsica o mental, se encuentren en circunstancia de debilidad manifiesta\u201d. En virtud de esta especial protecci\u00f3n que dispensan las normas superiores, la jurisprudencia ha considerado que el derecho a ...<br \/><div class=\"pt-cv-rmwrap\"><a href=\"https:\/\/www.dmsjuridica.com\/buscador_20179478954\/corteconstitucionalcronologico202454587\/t-412-04\/\" class=\"_self pt-cv-readmore btn btn-success\" target=\"_self\">Ver Sentencia Completa...<\/a><\/div><\/div><\/div><\/div>\n<div class=\"col-md-12 col-sm-12 col-xs-12 pt-cv-content-item pt-cv-1-col\" ><div class='pt-cv-ifield'><a href=\"https:\/\/www.dmsjuridica.com\/buscador_20179478954\/corteconstitucionalcronologico202454587\/t-411-04\/\" class=\"_self pt-cv-href-thumbnail pt-cv-thumb-default\" target=\"_self\" ><\/a>\n<div class=\"pt-cv-taxoterm above_title\"><a href='https:\/\/www.dmsjuridica.com\/buscador_20179478954\/corteconstitucionalcronologico202454587\/category\/buscar-en-toda-la-corte\/2004\/tutelas-2004\/' title='Tutelas 2004' class='pt-cv-tax-tutelas-2004'>Tutelas 2004<\/a><\/div>\n<h4 class=\"pt-cv-title\"><a href=\"https:\/\/www.dmsjuridica.com\/buscador_20179478954\/corteconstitucionalcronologico202454587\/t-411-04\/\" class=\"_self\" target=\"_self\" >T-411-04<\/a><\/h4>\n<div class=\"pt-cv-content\">\u00a0 \u00a0 Sentencia T-411\/04 \u00a0 DERECHO A LA PERSONALIDAD JURIDICA Y FILIACION \u00a0 PROCESO DE FILIACION-Importancia de la prueba de ADN \u00a0 Dado el avance de la ciencia gen\u00e9tica, y por la importancia de la filiaci\u00f3n de la persona, la autoridad judicial no puede omitir el decreto de la indicada prueba. La Ley 721 de 2001 consagr\u00f3 dicha obligaci\u00f3n al disponer que: \u201cEn todos los procesos para establecer paternidad o maternidad, el juez, de oficio, ordenar\u00e1 la pr\u00e1ctica de los ex\u00e1menes que cient\u00edficamente determinen \u00edndice de probabilidad superior al 99.9%.\u201d Dado que el examen antropo-heredo-biol\u00f3gico ha sido reconocido por la ...<br \/><div class=\"pt-cv-rmwrap\"><a href=\"https:\/\/www.dmsjuridica.com\/buscador_20179478954\/corteconstitucionalcronologico202454587\/t-411-04\/\" class=\"_self pt-cv-readmore btn btn-success\" target=\"_self\">Ver Sentencia Completa...<\/a><\/div><\/div><\/div><\/div>\n<div class=\"col-md-12 col-sm-12 col-xs-12 pt-cv-content-item pt-cv-1-col\" ><div class='pt-cv-ifield'><a href=\"https:\/\/www.dmsjuridica.com\/buscador_20179478954\/corteconstitucionalcronologico202454587\/t-410-04\/\" class=\"_self pt-cv-href-thumbnail pt-cv-thumb-default\" target=\"_self\" ><\/a>\n<div class=\"pt-cv-taxoterm above_title\"><a href='https:\/\/www.dmsjuridica.com\/buscador_20179478954\/corteconstitucionalcronologico202454587\/category\/buscar-en-toda-la-corte\/2004\/tutelas-2004\/' title='Tutelas 2004' class='pt-cv-tax-tutelas-2004'>Tutelas 2004<\/a><\/div>\n<h4 class=\"pt-cv-title\"><a href=\"https:\/\/www.dmsjuridica.com\/buscador_20179478954\/corteconstitucionalcronologico202454587\/t-410-04\/\" class=\"_self\" target=\"_self\" >T-410-04<\/a><\/h4>\n<div class=\"pt-cv-content\">\u00a0 \u00a0 Sentencia T-410\/04 \u00a0 ESTABLECIMIENTO EDUCATIVO-Labor formadora compromete todas sus actividades econ\u00f3micas \u00a0 PROYECTO EDUCATIVO INSTITUCIONAL-Finalidad \u00a0 ESTABLECIMIENTO EDUCATIVO-Debe contar con un manual de convivencia \u00a0 ESTABLECIMIENTO EDUCATIVO PRIVADO-Se construye a partir del proyecto educativo institucional\/ESTABLECIMIENTO EDUCATIVO-No puede negar informaci\u00f3n a los padres sobre las pruebas acad\u00e9micas propuestas a los hijos por cuanto no media contrato educativo \u00a0 El cometido formador de los procesos educativos, al que est\u00e1n obligados los planteles p\u00fablicos y privados, se construye - en el caso de \u00e9stos \u00faltimos- a partir del Proyecto Educativo Institucional, el que adem\u00e1s se funda en la Ley General de ...<br \/><div class=\"pt-cv-rmwrap\"><a href=\"https:\/\/www.dmsjuridica.com\/buscador_20179478954\/corteconstitucionalcronologico202454587\/t-410-04\/\" class=\"_self pt-cv-readmore btn btn-success\" target=\"_self\">Ver Sentencia Completa...<\/a><\/div><\/div><\/div><\/div>\n<div class=\"col-md-12 col-sm-12 col-xs-12 pt-cv-content-item pt-cv-1-col\" ><div class='pt-cv-ifield'><a href=\"https:\/\/www.dmsjuridica.com\/buscador_20179478954\/corteconstitucionalcronologico202454587\/t-404-04\/\" class=\"_self pt-cv-href-thumbnail pt-cv-thumb-default\" target=\"_self\" ><\/a>\n<div class=\"pt-cv-taxoterm above_title\"><a href='https:\/\/www.dmsjuridica.com\/buscador_20179478954\/corteconstitucionalcronologico202454587\/category\/buscar-en-toda-la-corte\/2004\/tutelas-2004\/' title='Tutelas 2004' class='pt-cv-tax-tutelas-2004'>Tutelas 2004<\/a><\/div>\n<h4 class=\"pt-cv-title\"><a href=\"https:\/\/www.dmsjuridica.com\/buscador_20179478954\/corteconstitucionalcronologico202454587\/t-404-04\/\" class=\"_self\" target=\"_self\" >T-404-04<\/a><\/h4>\n<div class=\"pt-cv-content\">\u00a0 \u00a0 Sentencia T-404\/04 \u00a0 AUTONOMIA UNIVERSITARIA-Definici\u00f3n de criterios y sistema de calificaci\u00f3n de estudiantes \u00a0 AUTONOMIA UNIVERSITARIA-Exigencia de requisitos que garanticen la mejor calidad de educaci\u00f3n \u00a0 AUTONOMIA UNIVERSITARIA-Libertad de exigir pruebas de conocimiento, preparatorios, cursos e idiomas \u00a0 ABOGADO-Posibilidad de las universidades de exigir mayores requisitos para obtener el grado \u00a0 UNIVERSIDAD-Fijaci\u00f3n de ex\u00e1menes preparatorios para obtener t\u00edtulo de abogado \u00a0 DERECHO A LA EDUCACION-Implica el deber de cumplir los reglamentos educativos \u00a0 Reiteraci\u00f3n de Jurisprudencia \u00a0 Referencia: expediente T-836640 \u00a0 Acci\u00f3n de tutela instaurada por Soraida del Carmen Granados Calder\u00f3n contra la Universidad Pedag\u00f3gica y Tecnol\u00f3gica de ...<br \/><div class=\"pt-cv-rmwrap\"><a href=\"https:\/\/www.dmsjuridica.com\/buscador_20179478954\/corteconstitucionalcronologico202454587\/t-404-04\/\" class=\"_self pt-cv-readmore btn btn-success\" target=\"_self\">Ver Sentencia Completa...<\/a><\/div><\/div><\/div><\/div>\n<div class=\"col-md-12 col-sm-12 col-xs-12 pt-cv-content-item pt-cv-1-col\" ><div class='pt-cv-ifield'><a href=\"https:\/\/www.dmsjuridica.com\/buscador_20179478954\/corteconstitucionalcronologico202454587\/t-403-04\/\" class=\"_self pt-cv-href-thumbnail pt-cv-thumb-default\" target=\"_self\" ><\/a>\n<div class=\"pt-cv-taxoterm above_title\"><a href='https:\/\/www.dmsjuridica.com\/buscador_20179478954\/corteconstitucionalcronologico202454587\/category\/buscar-en-toda-la-corte\/2004\/tutelas-2004\/' title='Tutelas 2004' class='pt-cv-tax-tutelas-2004'>Tutelas 2004<\/a><\/div>\n<h4 class=\"pt-cv-title\"><a href=\"https:\/\/www.dmsjuridica.com\/buscador_20179478954\/corteconstitucionalcronologico202454587\/t-403-04\/\" class=\"_self\" target=\"_self\" >T-403-04<\/a><\/h4>\n<div class=\"pt-cv-content\">\u00a0 \u00a0 Sentencia T-403\/04 \u00a0 ACCION DE TUTELA-Hecho superado por expedici\u00f3n de bono pensional \u00a0 Reiteraci\u00f3n de Jurisprudencia \u00a0 Referencia: expediente T-858391 \u00a0 Acci\u00f3n de tutela instaurada por ROBERTO EVELIO HERNANDEZ contra el Seguro Social. \u00a0 Magistrado Ponente: \u00a0 Dr. RODRIGO ESCOBAR GIL \u00a0 Bogot\u00e1, D. C., treinta (30) de abril de dos mil cuatro (2004). \u00a0 La Sala Quinta de Revisi\u00f3n de la Corte Constitucional, en ejercicio de sus competencias constitucionales y legales, en particular las contenidas en los art\u00edculos 86 y 241, numeral 9, de la Constituci\u00f3n y el Decreto 2591 de 1991, ha proferido la siguiente \u00a0 ...<br \/><div class=\"pt-cv-rmwrap\"><a href=\"https:\/\/www.dmsjuridica.com\/buscador_20179478954\/corteconstitucionalcronologico202454587\/t-403-04\/\" class=\"_self pt-cv-readmore btn btn-success\" target=\"_self\">Ver Sentencia Completa...<\/a><\/div><\/div><\/div><\/div>\n<div class=\"col-md-12 col-sm-12 col-xs-12 pt-cv-content-item pt-cv-1-col\" ><div class='pt-cv-ifield'><a href=\"https:\/\/www.dmsjuridica.com\/buscador_20179478954\/corteconstitucionalcronologico202454587\/t-402-04\/\" class=\"_self pt-cv-href-thumbnail pt-cv-thumb-default\" target=\"_self\" ><\/a>\n<div class=\"pt-cv-taxoterm above_title\"><a href='https:\/\/www.dmsjuridica.com\/buscador_20179478954\/corteconstitucionalcronologico202454587\/category\/buscar-en-toda-la-corte\/2004\/tutelas-2004\/' title='Tutelas 2004' class='pt-cv-tax-tutelas-2004'>Tutelas 2004<\/a><\/div>\n<h4 class=\"pt-cv-title\"><a href=\"https:\/\/www.dmsjuridica.com\/buscador_20179478954\/corteconstitucionalcronologico202454587\/t-402-04\/\" class=\"_self\" target=\"_self\" >T-402-04<\/a><\/h4>\n<div class=\"pt-cv-content\">\u00a0 \u00a0 Sentencia T-402\/04 \u00a0 ACCION DE TUTELA-No prospera sobre actos o hechos inexistentes o imaginarios \u00a0 No siendo la acci\u00f3n de tutela, un mecanismo para prevenir situaciones inciertas, esta Sala de Revisi\u00f3n confirmar\u00e1 el fallo de instancia y proceder\u00e1 a negar el amparo propuesto por la peticionaria, al no comprobarse circunstancias apremiantes que determinen la afectaci\u00f3n de los derechos por ella invocados. Adem\u00e1s de lo anterior, la situaci\u00f3n de la accionante ni siquiera se ajusta a los par\u00e1metros de la jurisprudencia en materia de despido de la mujer embarazada en la \u00e9poca del embarazo. Por lo dem\u00e1s, las pretensiones ...<br \/><div class=\"pt-cv-rmwrap\"><a href=\"https:\/\/www.dmsjuridica.com\/buscador_20179478954\/corteconstitucionalcronologico202454587\/t-402-04\/\" class=\"_self pt-cv-readmore btn btn-success\" target=\"_self\">Ver Sentencia Completa...<\/a><\/div><\/div><\/div><\/div>\n<div class=\"col-md-12 col-sm-12 col-xs-12 pt-cv-content-item pt-cv-1-col\" ><div class='pt-cv-ifield'><a href=\"https:\/\/www.dmsjuridica.com\/buscador_20179478954\/corteconstitucionalcronologico202454587\/t-401-04\/\" class=\"_self pt-cv-href-thumbnail pt-cv-thumb-default\" target=\"_self\" ><\/a>\n<div class=\"pt-cv-taxoterm above_title\"><a href='https:\/\/www.dmsjuridica.com\/buscador_20179478954\/corteconstitucionalcronologico202454587\/category\/buscar-en-toda-la-corte\/2004\/tutelas-2004\/' title='Tutelas 2004' class='pt-cv-tax-tutelas-2004'>Tutelas 2004<\/a><\/div>\n<h4 class=\"pt-cv-title\"><a href=\"https:\/\/www.dmsjuridica.com\/buscador_20179478954\/corteconstitucionalcronologico202454587\/t-401-04\/\" class=\"_self\" target=\"_self\" >T-401-04<\/a><\/h4>\n<div class=\"pt-cv-content\">\u00a0 \u00a0 Sentencia T-401\/04 \u00a0 PRESUNCION DE VERACIDAD EN TUTELA-Aplicaci\u00f3n por no rendici\u00f3n de informe \u00a0 DERECHO A LA SUSTITUCION PENSIONAL-Persona de la tercera edad y discapacitada \u00a0 El presente caso pocas dudas deja respecto de la d\u00e9bil y disminuida situaci\u00f3n de salud que padece el demandante, pues las especificaciones de su situaci\u00f3n podr\u00edan definirse de la siguiente manera: persona de la tercera edad, con retardo mental cong\u00e9nito por hidrocefalia perinatal y macrocefalia, no puede decidir por s\u00ed mismo, fue declarado inv\u00e1lido permanente seg\u00fan evaluaci\u00f3n de la Caja Nacional de Previsi\u00f3n y tiene como curadora a su hermana como resultado ...<br \/><div class=\"pt-cv-rmwrap\"><a href=\"https:\/\/www.dmsjuridica.com\/buscador_20179478954\/corteconstitucionalcronologico202454587\/t-401-04\/\" class=\"_self pt-cv-readmore btn btn-success\" target=\"_self\">Ver Sentencia Completa...<\/a><\/div><\/div><\/div><\/div>\n<div class=\"col-md-12 col-sm-12 col-xs-12 pt-cv-content-item pt-cv-1-col\" ><div class='pt-cv-ifield'><a href=\"https:\/\/www.dmsjuridica.com\/buscador_20179478954\/corteconstitucionalcronologico202454587\/t-400-04\/\" class=\"_self pt-cv-href-thumbnail pt-cv-thumb-default\" target=\"_self\" ><\/a>\n<div class=\"pt-cv-taxoterm above_title\"><a href='https:\/\/www.dmsjuridica.com\/buscador_20179478954\/corteconstitucionalcronologico202454587\/category\/buscar-en-toda-la-corte\/2004\/tutelas-2004\/' title='Tutelas 2004' class='pt-cv-tax-tutelas-2004'>Tutelas 2004<\/a><\/div>\n<h4 class=\"pt-cv-title\"><a href=\"https:\/\/www.dmsjuridica.com\/buscador_20179478954\/corteconstitucionalcronologico202454587\/t-400-04\/\" class=\"_self\" target=\"_self\" >T-400-04<\/a><\/h4>\n<div class=\"pt-cv-content\">\u00a0 \u00a0 Sentencia T-400\/04 \u00a0 NOTIFICACION-Es el acto de comunicaci\u00f3n procesal de mayor efectividad \u00a0 NOTIFICACION PERSONAL-Normas procesales que la rigen en los casos en que el demandado no es hallado o se impide la pr\u00e1ctica de la diligencia \u00a0 DEBIDO PROCESO-Notificaci\u00f3n personal del mandamiento de pago no se ci\u00f1\u00f3 a las normas del C.P.C. \u00a0 En el caso concreto, del examen del expediente contentivo del proceso ejecutivo hipotecario adelantado por el Banco, se concluye que el funcionario judicial encargado de realizar la notificaci\u00f3n personal del mandamiento de pago no se ci\u00f1\u00f3 a lo dispuesto en el art\u00edculo 320 del ...<br \/><div class=\"pt-cv-rmwrap\"><a href=\"https:\/\/www.dmsjuridica.com\/buscador_20179478954\/corteconstitucionalcronologico202454587\/t-400-04\/\" class=\"_self pt-cv-readmore btn btn-success\" target=\"_self\">Ver Sentencia Completa...<\/a><\/div><\/div><\/div><\/div>\n<div class=\"col-md-12 col-sm-12 col-xs-12 pt-cv-content-item pt-cv-1-col\" ><div class='pt-cv-ifield'><a href=\"https:\/\/www.dmsjuridica.com\/buscador_20179478954\/corteconstitucionalcronologico202454587\/t-399-04\/\" class=\"_self pt-cv-href-thumbnail pt-cv-thumb-default\" target=\"_self\" ><\/a>\n<div class=\"pt-cv-taxoterm above_title\"><a href='https:\/\/www.dmsjuridica.com\/buscador_20179478954\/corteconstitucionalcronologico202454587\/category\/buscar-en-toda-la-corte\/2004\/tutelas-2004\/' title='Tutelas 2004' class='pt-cv-tax-tutelas-2004'>Tutelas 2004<\/a><\/div>\n<h4 class=\"pt-cv-title\"><a href=\"https:\/\/www.dmsjuridica.com\/buscador_20179478954\/corteconstitucionalcronologico202454587\/t-399-04\/\" class=\"_self\" target=\"_self\" >T-399-04<\/a><\/h4>\n<div class=\"pt-cv-content\">\u00a0 \u00a0 Sentencia T-399\/04 \u00a0 DERECHO A LA SALUD DE MENOR DE EDAD-Suministro de medicamento excluido del POS \u00a0 DERECHO A LA SALUD DE MENOR DE EDAD-Suministro de hormonas de crecimiento \u00a0 ACCION DE TUTELA-Improcedencia reembolso de dineros por asunci\u00f3n de costos m\u00e9dicos \u00a0 Referencia: expediente T-835967 \u00a0 Acci\u00f3n de Tutela instaurada por \u00c1ngela Mar\u00eda L\u00f3pez Estrada, contra el Servicio Occidental de Salud \u2013SOS-. \u00a0 Magistrada Ponente: \u00a0 Dra. CLARA INES VARGAS HERNANDEZ \u00a0 Bogot\u00e1. D.C., veintinueve (29) de \u00a0abril de dos mil cuatro (2004). \u00a0 La Sala Novena de Revisi\u00f3n de la Corte Constitucional, en ejerci\u00f3 de sus competencias ...<br \/><div class=\"pt-cv-rmwrap\"><a href=\"https:\/\/www.dmsjuridica.com\/buscador_20179478954\/corteconstitucionalcronologico202454587\/t-399-04\/\" class=\"_self pt-cv-readmore btn btn-success\" target=\"_self\">Ver Sentencia Completa...<\/a><\/div><\/div><\/div><\/div>\n<div class=\"col-md-12 col-sm-12 col-xs-12 pt-cv-content-item pt-cv-1-col\" ><div class='pt-cv-ifield'><a href=\"https:\/\/www.dmsjuridica.com\/buscador_20179478954\/corteconstitucionalcronologico202454587\/t-398-04\/\" class=\"_self pt-cv-href-thumbnail pt-cv-thumb-default\" target=\"_self\" ><\/a>\n<div class=\"pt-cv-taxoterm above_title\"><a href='https:\/\/www.dmsjuridica.com\/buscador_20179478954\/corteconstitucionalcronologico202454587\/category\/buscar-en-toda-la-corte\/2004\/tutelas-2004\/' title='Tutelas 2004' class='pt-cv-tax-tutelas-2004'>Tutelas 2004<\/a><\/div>\n<h4 class=\"pt-cv-title\"><a href=\"https:\/\/www.dmsjuridica.com\/buscador_20179478954\/corteconstitucionalcronologico202454587\/t-398-04\/\" class=\"_self\" target=\"_self\" >T-398-04<\/a><\/h4>\n<div class=\"pt-cv-content\">\u00a0 \u00a0 Sentencia T-398\/04 \u00a0 ACCION DE TUTELA-Carencia actual de objeto por cuanto paciente no requiere internaci\u00f3n en hospital mental\/JUEZ DE TUTELA-No es competente para ordenar tratamientos m\u00e9dicos \u00a0 Teniendo en cuenta la informaci\u00f3n suministrada por el m\u00e9dico tratante, mal har\u00eda esta Sala de Revisi\u00f3n en ordenar su internaci\u00f3n en el Hospital Mental de Antioquia, tal como lo solicita su madre en la acci\u00f3n de tutela objeto de revisi\u00f3n, si se tiene en cuenta que actualmente no se encuentra en una descompensaci\u00f3n depresiva, man\u00edaca o mixta, y por tal raz\u00f3n, no requiere de internaci\u00f3n hospitalaria alguna, seg\u00fan el dictamen del ...<br \/><div class=\"pt-cv-rmwrap\"><a href=\"https:\/\/www.dmsjuridica.com\/buscador_20179478954\/corteconstitucionalcronologico202454587\/t-398-04\/\" class=\"_self pt-cv-readmore btn btn-success\" target=\"_self\">Ver Sentencia Completa...<\/a><\/div><\/div><\/div><\/div>\n<div class=\"col-md-12 col-sm-12 col-xs-12 pt-cv-content-item pt-cv-1-col\" ><div class='pt-cv-ifield'><a href=\"https:\/\/www.dmsjuridica.com\/buscador_20179478954\/corteconstitucionalcronologico202454587\/t-397-04\/\" class=\"_self pt-cv-href-thumbnail pt-cv-thumb-default\" target=\"_self\" ><\/a>\n<div class=\"pt-cv-taxoterm above_title\"><a href='https:\/\/www.dmsjuridica.com\/buscador_20179478954\/corteconstitucionalcronologico202454587\/category\/buscar-en-toda-la-corte\/2004\/tutelas-2004\/' title='Tutelas 2004' class='pt-cv-tax-tutelas-2004'>Tutelas 2004<\/a><\/div>\n<h4 class=\"pt-cv-title\"><a href=\"https:\/\/www.dmsjuridica.com\/buscador_20179478954\/corteconstitucionalcronologico202454587\/t-397-04\/\" class=\"_self\" target=\"_self\" >T-397-04<\/a><\/h4>\n<div class=\"pt-cv-content\">\u00a0 \u00a0 Sentencia T-397\/04 \u00a0 MADRE INVIDENTE COMO SUJETO DE ESPECIAL PROTECCION-En situaci\u00f3n de pobreza y madre de una peque\u00f1a hija \u00a0 Un examen atento del material probatorio que se ha rese\u00f1ado extensamente en los ac\u00e1pites precedentes lleva a la Sala a advertir, de entrada, que su decisi\u00f3n no puede circunscribirse a la resoluci\u00f3n del problema principal planteado en la demanda de tutela interpuesta por Teresa contra el ICBF, a saber, la posibilidad de que su hija Luisa le sea reintegrada para desarrollar, con ella, una relaci\u00f3n materno-filial digna. Si bien \u00e9ste debe ser el eje central de cualquier determinaci\u00f3n ...<br \/><div class=\"pt-cv-rmwrap\"><a href=\"https:\/\/www.dmsjuridica.com\/buscador_20179478954\/corteconstitucionalcronologico202454587\/t-397-04\/\" class=\"_self pt-cv-readmore btn btn-success\" target=\"_self\">Ver Sentencia Completa...<\/a><\/div><\/div><\/div><\/div>\n<div class=\"col-md-12 col-sm-12 col-xs-12 pt-cv-content-item pt-cv-1-col\" ><div class='pt-cv-ifield'><a href=\"https:\/\/www.dmsjuridica.com\/buscador_20179478954\/corteconstitucionalcronologico202454587\/t-396-04\/\" class=\"_self pt-cv-href-thumbnail pt-cv-thumb-default\" target=\"_self\" ><\/a>\n<div class=\"pt-cv-taxoterm above_title\"><a href='https:\/\/www.dmsjuridica.com\/buscador_20179478954\/corteconstitucionalcronologico202454587\/category\/buscar-en-toda-la-corte\/2004\/tutelas-2004\/' title='Tutelas 2004' class='pt-cv-tax-tutelas-2004'>Tutelas 2004<\/a><\/div>\n<h4 class=\"pt-cv-title\"><a href=\"https:\/\/www.dmsjuridica.com\/buscador_20179478954\/corteconstitucionalcronologico202454587\/t-396-04\/\" class=\"_self\" target=\"_self\" >T-396-04<\/a><\/h4>\n<div class=\"pt-cv-content\">\u00a0 \u00a0 Sentencia T-396\/04 \u00a0 DERECHO A LA EDUCACION-Otorgamiento de auxilio educativo previsto en Convenci\u00f3n Colectiva no se autoriz\u00f3 por no corresponder a estudios formales de educaci\u00f3n superior \u00a0 En la convenci\u00f3n colectiva cuya aplicaci\u00f3n se solicita en esta tutela, se establece la ayuda educativa para los distintos niveles de educaci\u00f3n formal, entre ellas el de la educaci\u00f3n superior, producto de un acuerdo bilateral de voluntades. Resulta entonces que no se puede obligar a Empresas P\u00fablicas de Medell\u00edn, por esta v\u00eda, a modificar ese pacto colectivo que es el resultado de un acuerdo de voluntades que permite que las relaciones ...<br \/><div class=\"pt-cv-rmwrap\"><a href=\"https:\/\/www.dmsjuridica.com\/buscador_20179478954\/corteconstitucionalcronologico202454587\/t-396-04\/\" class=\"_self pt-cv-readmore btn btn-success\" target=\"_self\">Ver Sentencia Completa...<\/a><\/div><\/div><\/div><\/div>\n<div class=\"col-md-12 col-sm-12 col-xs-12 pt-cv-content-item pt-cv-1-col\" ><div class='pt-cv-ifield'><a href=\"https:\/\/www.dmsjuridica.com\/buscador_20179478954\/corteconstitucionalcronologico202454587\/t-395-04\/\" class=\"_self pt-cv-href-thumbnail pt-cv-thumb-default\" target=\"_self\" ><\/a>\n<div class=\"pt-cv-taxoterm above_title\"><a href='https:\/\/www.dmsjuridica.com\/buscador_20179478954\/corteconstitucionalcronologico202454587\/category\/buscar-en-toda-la-corte\/2004\/tutelas-2004\/' title='Tutelas 2004' class='pt-cv-tax-tutelas-2004'>Tutelas 2004<\/a><\/div>\n<h4 class=\"pt-cv-title\"><a href=\"https:\/\/www.dmsjuridica.com\/buscador_20179478954\/corteconstitucionalcronologico202454587\/t-395-04\/\" class=\"_self\" target=\"_self\" >T-395-04<\/a><\/h4>\n<div class=\"pt-cv-content\">\u00a0 \u00a0 Sentencia T-395\/04 \u00a0 ACCION DE TUTELA CONTRA SOCIEDAD COMERCIAL-Revisor Fiscal que desea desvincularse \u00a0 DERECHO AL TRABAJO-Vulneraci\u00f3n por cuanto la sociedad empleadora pretende mantener vinculaci\u00f3n de Revisor Fiscal \u00a0 El art\u00edculo 25 de la Carta establece que el trabajo es un derecho y una obligaci\u00f3n social y goza de especial protecci\u00f3n por parte del Estado y adem\u00e1s toda persona tiene derecho a un trabajo en condiciones dignas y justas. Por ello, encuentra la Corte que al actor se le afecta de manera grave este derecho fundamental, como quiera que la conducta asumida por la empresa empleadora pretende mantenerlo ...<br \/><div class=\"pt-cv-rmwrap\"><a href=\"https:\/\/www.dmsjuridica.com\/buscador_20179478954\/corteconstitucionalcronologico202454587\/t-395-04\/\" class=\"_self pt-cv-readmore btn btn-success\" target=\"_self\">Ver Sentencia Completa...<\/a><\/div><\/div><\/div><\/div>\n<div class=\"col-md-12 col-sm-12 col-xs-12 pt-cv-content-item pt-cv-1-col\" ><div class='pt-cv-ifield'><a href=\"https:\/\/www.dmsjuridica.com\/buscador_20179478954\/corteconstitucionalcronologico202454587\/t-394-04\/\" class=\"_self pt-cv-href-thumbnail pt-cv-thumb-default\" target=\"_self\" ><\/a>\n<div class=\"pt-cv-taxoterm above_title\"><a href='https:\/\/www.dmsjuridica.com\/buscador_20179478954\/corteconstitucionalcronologico202454587\/category\/buscar-en-toda-la-corte\/2004\/tutelas-2004\/' title='Tutelas 2004' class='pt-cv-tax-tutelas-2004'>Tutelas 2004<\/a><\/div>\n<h4 class=\"pt-cv-title\"><a href=\"https:\/\/www.dmsjuridica.com\/buscador_20179478954\/corteconstitucionalcronologico202454587\/t-394-04\/\" class=\"_self\" target=\"_self\" >T-394-04<\/a><\/h4>\n<div class=\"pt-cv-content\">\u00a0 \u00a0 Sentencia T-394\/04 \u00a0 MEDIO DE DEFENSA JUDICIAL-Cuando el titular de un derecho fundamental est\u00e1 en condiciones de debilidad no est\u00e1 obligado a soportar la carga que implica definici\u00f3n judicial \u00a0 La Sala reitera la jurisprudencia de la Corte Constitucional que ha se\u00f1alado que el titular de un derecho fundamental en condiciones de debilidad manifiesta no est\u00e1 obligado a soportar la carga que implica la definici\u00f3n judicial de la controversia, pues \u201cla inminencia y gravedad del perjuicio y la urgencia e impostergabilidad de las medidas para impedir su consumaci\u00f3n\u201d hacen que la tutela sea procedente como mecanismo transitorio para ...<br \/><div class=\"pt-cv-rmwrap\"><a href=\"https:\/\/www.dmsjuridica.com\/buscador_20179478954\/corteconstitucionalcronologico202454587\/t-394-04\/\" class=\"_self pt-cv-readmore btn btn-success\" target=\"_self\">Ver Sentencia Completa...<\/a><\/div><\/div><\/div><\/div>\n<div class=\"col-md-12 col-sm-12 col-xs-12 pt-cv-content-item pt-cv-1-col\" ><div class='pt-cv-ifield'><a href=\"https:\/\/www.dmsjuridica.com\/buscador_20179478954\/corteconstitucionalcronologico202454587\/t-393-04\/\" class=\"_self pt-cv-href-thumbnail pt-cv-thumb-default\" target=\"_self\" ><\/a>\n<div class=\"pt-cv-taxoterm above_title\"><a href='https:\/\/www.dmsjuridica.com\/buscador_20179478954\/corteconstitucionalcronologico202454587\/category\/buscar-en-toda-la-corte\/2004\/tutelas-2004\/' title='Tutelas 2004' class='pt-cv-tax-tutelas-2004'>Tutelas 2004<\/a><\/div>\n<h4 class=\"pt-cv-title\"><a href=\"https:\/\/www.dmsjuridica.com\/buscador_20179478954\/corteconstitucionalcronologico202454587\/t-393-04\/\" class=\"_self\" target=\"_self\" >T-393-04<\/a><\/h4>\n<div class=\"pt-cv-content\">\u00a0 \u00a0 Sentencia T-393\/04 \u00a0 DERECHO A LA IGUALDAD-No se vulnera al darle tratamiento jur\u00eddico diferente a cada uno de los procesados \u00a0 Para la Sala no existe en la decisi\u00f3n tomada por el juzgado demandado vulneraci\u00f3n de ning\u00fan derecho fundamental, menos a\u00fan del derecho a la igualdad, es claro que la situaci\u00f3n del demandante difiere de la situaci\u00f3n presentada por los se\u00f1ores Medina y Casta\u00f1eda con quienes se compara, existen muchos elementos distintos, entre ellos la calidad de vinculaci\u00f3n dentro del proceso penal, esto aunado al hecho de que los se\u00f1ores Medina y Casta\u00f1eda apelaron en su oportunidad la ...<br \/><div class=\"pt-cv-rmwrap\"><a href=\"https:\/\/www.dmsjuridica.com\/buscador_20179478954\/corteconstitucionalcronologico202454587\/t-393-04\/\" class=\"_self pt-cv-readmore btn btn-success\" target=\"_self\">Ver Sentencia Completa...<\/a><\/div><\/div><\/div><\/div>\n<div class=\"col-md-12 col-sm-12 col-xs-12 pt-cv-content-item pt-cv-1-col\" ><div class='pt-cv-ifield'><a href=\"https:\/\/www.dmsjuridica.com\/buscador_20179478954\/corteconstitucionalcronologico202454587\/t-392-04\/\" class=\"_self pt-cv-href-thumbnail pt-cv-thumb-default\" target=\"_self\" ><\/a>\n<div class=\"pt-cv-taxoterm above_title\"><a href='https:\/\/www.dmsjuridica.com\/buscador_20179478954\/corteconstitucionalcronologico202454587\/category\/buscar-en-toda-la-corte\/2004\/tutelas-2004\/' title='Tutelas 2004' class='pt-cv-tax-tutelas-2004'>Tutelas 2004<\/a><\/div>\n<h4 class=\"pt-cv-title\"><a href=\"https:\/\/www.dmsjuridica.com\/buscador_20179478954\/corteconstitucionalcronologico202454587\/t-392-04\/\" class=\"_self\" target=\"_self\" >T-392-04<\/a><\/h4>\n<div class=\"pt-cv-content\">\u00a0 \u00a0 Sentencia T-392\/04 \u00a0 DERECHO A LA SALUD-Pr\u00e1ctica de examen \u00a0 DERECHO AL DIAGNOSTICO-Contenido \u00a0 Reiteraci\u00f3n de Jurisprudencia \u00a0 Referencia: expediente T-838529 \u00a0 Peticionaria: Mar\u00eda Emma \u00c1vila del Zorro. \u00a0 Procedencia: Juzgado 46 Penal Municipal de Bogot\u00e1. \u00a0 \u00a0 Magistrado Ponente: \u00a0 Dr. JAIME ARA\u00daJO RENTER\u00cdA \u00a0 Bogot\u00e1, D. C., veintinueve (29) de abril de dos mil cuatro (2004). \u00a0 La Sala Primera de Revisi\u00f3n de la Corte Constitucional, integrada por los magistrados JAIME ARA\u00daJO RENTER\u00cdA, ALFREDO BELTR\u00c1N SIERRA y MANUEL JOS\u00c9 CEPEDA ESPINOSA, en ejercicio de sus competencias constitucionales y legales, ha proferido la siguiente \u00a0 SENTENCIA \u00a0 ...<br \/><div class=\"pt-cv-rmwrap\"><a href=\"https:\/\/www.dmsjuridica.com\/buscador_20179478954\/corteconstitucionalcronologico202454587\/t-392-04\/\" class=\"_self pt-cv-readmore btn btn-success\" target=\"_self\">Ver Sentencia Completa...<\/a><\/div><\/div><\/div><\/div>\n<div class=\"col-md-12 col-sm-12 col-xs-12 pt-cv-content-item pt-cv-1-col\" ><div class='pt-cv-ifield'><a href=\"https:\/\/www.dmsjuridica.com\/buscador_20179478954\/corteconstitucionalcronologico202454587\/t-391-04\/\" class=\"_self pt-cv-href-thumbnail pt-cv-thumb-default\" target=\"_self\" ><\/a>\n<div class=\"pt-cv-taxoterm above_title\"><a href='https:\/\/www.dmsjuridica.com\/buscador_20179478954\/corteconstitucionalcronologico202454587\/category\/buscar-en-toda-la-corte\/2004\/tutelas-2004\/' title='Tutelas 2004' class='pt-cv-tax-tutelas-2004'>Tutelas 2004<\/a><\/div>\n<h4 class=\"pt-cv-title\"><a href=\"https:\/\/www.dmsjuridica.com\/buscador_20179478954\/corteconstitucionalcronologico202454587\/t-391-04\/\" class=\"_self\" target=\"_self\" >T-391-04<\/a><\/h4>\n<div class=\"pt-cv-content\">\u00a0 \u00a0 Sentencia T-391\/04 \u00a0 ACCION DE TUTELA-Procedencia excepcional pago de mesadas pensionales \u00a0 DERECHO AL MINIMO VITAL-Definici\u00f3n \u00a0 DERECHO AL MINIMO VITAL-Requisitos para acreditar vulneraci\u00f3n \u00a0 DERECHO AL MINIMO VITAL DEL PENSIONADO-Presunci\u00f3n de afectaci\u00f3n por ausencia prolongada en pago de mesadas \u00a0 DERECHO AL MINIMO VITAL DE PERSONA DE LA TERCERA EDAD-Pago oportuno de mesadas pensionales \u00a0 EMPRESA EN LIQUIDACION-Pago oportuno de mesadas pensionales \u00a0 Referencia: expediente T-824817 \u00a0 Acci\u00f3n de tutela instaurada por Mar\u00eda Edilma Cuartas L\u00f3pez contra Aquantioquia S.A E.S.P. en Liquidaci\u00f3n \u00a0 Magistrado Ponente: \u00a0 Dr. JAIME ARAUJO RENTER\u00cdA \u00a0 Bogot\u00e1, D. C., veintinueve (29) de ...<br \/><div class=\"pt-cv-rmwrap\"><a href=\"https:\/\/www.dmsjuridica.com\/buscador_20179478954\/corteconstitucionalcronologico202454587\/t-391-04\/\" class=\"_self pt-cv-readmore btn btn-success\" target=\"_self\">Ver Sentencia Completa...<\/a><\/div><\/div><\/div><\/div>\n<div class=\"col-md-12 col-sm-12 col-xs-12 pt-cv-content-item pt-cv-1-col\" ><div class='pt-cv-ifield'><a href=\"https:\/\/www.dmsjuridica.com\/buscador_20179478954\/corteconstitucionalcronologico202454587\/t-390-04\/\" class=\"_self pt-cv-href-thumbnail pt-cv-thumb-default\" target=\"_self\" ><\/a>\n<div class=\"pt-cv-taxoterm above_title\"><a href='https:\/\/www.dmsjuridica.com\/buscador_20179478954\/corteconstitucionalcronologico202454587\/category\/buscar-en-toda-la-corte\/2004\/tutelas-2004\/' title='Tutelas 2004' class='pt-cv-tax-tutelas-2004'>Tutelas 2004<\/a><\/div>\n<h4 class=\"pt-cv-title\"><a href=\"https:\/\/www.dmsjuridica.com\/buscador_20179478954\/corteconstitucionalcronologico202454587\/t-390-04\/\" class=\"_self\" target=\"_self\" >T-390-04<\/a><\/h4>\n<div class=\"pt-cv-content\">\u00a0 \u00a0 Sentencia T-390\/04 \u00a0 LICENCIA DE MATERNIDAD-Procedencia excepcional de tutela para el pago \u00a0 LICENCIA DE MATERNIDAD-Ampliaci\u00f3n del t\u00e9rmino al primer a\u00f1o de vida del ni\u00f1o para presentar la tutela \u00a0 SISTEMA GENERAL DE SEGURIDAD SOCIAL EN SALUD-Pago extempor\u00e1neo de aportes \u00a0 DERECHO AL MINIMO VITAL DE LA MADRE Y SU HIJO-Pago oportuno de la licencia de maternidad \u00a0 Reiteraci\u00f3n de Jurisprudencia \u00a0 Referencia: expediente T-838437 \u00a0 Acci\u00f3n de tutela instaurada por Claudia Patricia Mendoza Daza contra la E.P.S. Salud Total. \u00a0 \u00a0 Magistrado Ponente: \u00a0 Dr. JAIME ARAUJO RENTER\u00cdA. \u00a0 Bogot\u00e1, D. C., veintinueve (29) de abril de ...<br \/><div class=\"pt-cv-rmwrap\"><a href=\"https:\/\/www.dmsjuridica.com\/buscador_20179478954\/corteconstitucionalcronologico202454587\/t-390-04\/\" class=\"_self pt-cv-readmore btn btn-success\" target=\"_self\">Ver Sentencia Completa...<\/a><\/div><\/div><\/div><\/div>\n<div class=\"col-md-12 col-sm-12 col-xs-12 pt-cv-content-item pt-cv-1-col\" ><div class='pt-cv-ifield'><a href=\"https:\/\/www.dmsjuridica.com\/buscador_20179478954\/corteconstitucionalcronologico202454587\/t-389-04\/\" class=\"_self pt-cv-href-thumbnail pt-cv-thumb-default\" target=\"_self\" ><\/a>\n<div class=\"pt-cv-taxoterm above_title\"><a href='https:\/\/www.dmsjuridica.com\/buscador_20179478954\/corteconstitucionalcronologico202454587\/category\/buscar-en-toda-la-corte\/2004\/tutelas-2004\/' title='Tutelas 2004' class='pt-cv-tax-tutelas-2004'>Tutelas 2004<\/a><\/div>\n<h4 class=\"pt-cv-title\"><a href=\"https:\/\/www.dmsjuridica.com\/buscador_20179478954\/corteconstitucionalcronologico202454587\/t-389-04\/\" class=\"_self\" target=\"_self\" >T-389-04<\/a><\/h4>\n<div class=\"pt-cv-content\">\u00a0 \u00a0 Sentencia T-389\/04 \u00a0 LICENCIA DE MATERNIDAD-Reglamentaci\u00f3n \u00a0 LICENCIA DE MATERNIDAD-Procedencia excepcional de tutela para el pago \u00a0 LICENCIA DE MATERNIDAD-Pago por allanamiento a la mora por EPS \u00a0 LICENCIA DE MATERNIDAD-Ampliaci\u00f3n del t\u00e9rmino al primer a\u00f1o de vida del ni\u00f1o para presentar la tutela \u00a0 Reiteraci\u00f3n de Jurisprudencia \u00a0 Referencia: expediente T-856161 \u00a0 Acci\u00f3n de tutela instaurada por Olga Luc\u00eda Barrero C\u00e1rcamo contra el Instituto de Seguros Sociales, Seccional Cesar \u00a0 Magistrado Ponente: \u00a0 Dr. JAIME ARA\u00daJO RENTER\u00cdA \u00a0 La Sala Primera de Revisi\u00f3n de la Corte Constitucional, integrada por los Magistrados Jaime Ara\u00fajo Renter\u00eda, Alfredo Beltr\u00e1n Sierra ...<br \/><div class=\"pt-cv-rmwrap\"><a href=\"https:\/\/www.dmsjuridica.com\/buscador_20179478954\/corteconstitucionalcronologico202454587\/t-389-04\/\" class=\"_self pt-cv-readmore btn btn-success\" target=\"_self\">Ver Sentencia Completa...<\/a><\/div><\/div><\/div><\/div>\n<div class=\"col-md-12 col-sm-12 col-xs-12 pt-cv-content-item pt-cv-1-col\" ><div class='pt-cv-ifield'><a href=\"https:\/\/www.dmsjuridica.com\/buscador_20179478954\/corteconstitucionalcronologico202454587\/t-388-04\/\" class=\"_self pt-cv-href-thumbnail pt-cv-thumb-default\" target=\"_self\" ><\/a>\n<div class=\"pt-cv-taxoterm above_title\"><a href='https:\/\/www.dmsjuridica.com\/buscador_20179478954\/corteconstitucionalcronologico202454587\/category\/buscar-en-toda-la-corte\/2004\/tutelas-2004\/' title='Tutelas 2004' class='pt-cv-tax-tutelas-2004'>Tutelas 2004<\/a><\/div>\n<h4 class=\"pt-cv-title\"><a href=\"https:\/\/www.dmsjuridica.com\/buscador_20179478954\/corteconstitucionalcronologico202454587\/t-388-04\/\" class=\"_self\" target=\"_self\" >T-388-04<\/a><\/h4>\n<div class=\"pt-cv-content\">\u00a0 \u00a0 Sentencia T-388\/04 \u00a0 JUZGADO DE EJECUCION DE PENAS Y MEDIDAS DE SEGURIDAD-Finalidad\/JUZGADO DE EJECUCION DE PENAS Y MEDIDAS DE SEGURIDAD-Competencia \u00a0 HECHO PROCESAL Y ACTO PROCESAL-Diferencias \u00a0 La teor\u00eda procesal reconoce que hay un hecho procesal cuando sobreviene, valga la redundancia, un hecho que no se origina en la voluntad de las partes o del juez, pero que produce efectos jur\u00eddicos en el proceso. Los actos procesales, por el contrario, son actos jur\u00eddicos que inician el proceso o ocurren dentro de \u00e9l y que se pueden clasificar en varios tipos: 1) Actos de impulso procesal. 2) Actos probatorios ...<br \/><div class=\"pt-cv-rmwrap\"><a href=\"https:\/\/www.dmsjuridica.com\/buscador_20179478954\/corteconstitucionalcronologico202454587\/t-388-04\/\" class=\"_self pt-cv-readmore btn btn-success\" target=\"_self\">Ver Sentencia Completa...<\/a><\/div><\/div><\/div><\/div>\n<div class=\"col-md-12 col-sm-12 col-xs-12 pt-cv-content-item pt-cv-1-col\" ><div class='pt-cv-ifield'><a href=\"https:\/\/www.dmsjuridica.com\/buscador_20179478954\/corteconstitucionalcronologico202454587\/t-381-04\/\" class=\"_self pt-cv-href-thumbnail pt-cv-thumb-default\" target=\"_self\" ><\/a>\n<div class=\"pt-cv-taxoterm above_title\"><a href='https:\/\/www.dmsjuridica.com\/buscador_20179478954\/corteconstitucionalcronologico202454587\/category\/buscar-en-toda-la-corte\/2004\/tutelas-2004\/' title='Tutelas 2004' class='pt-cv-tax-tutelas-2004'>Tutelas 2004<\/a><\/div>\n<h4 class=\"pt-cv-title\"><a href=\"https:\/\/www.dmsjuridica.com\/buscador_20179478954\/corteconstitucionalcronologico202454587\/t-381-04\/\" class=\"_self\" target=\"_self\" >T-381-04<\/a><\/h4>\n<div class=\"pt-cv-content\">\u00a0 \u00a0 Sentencia T-381\/04 \u00a0 DOCTRINA CONSTITUCIONAL SOBRE VIA DE HECHO \u00a0 VIA DE HECHO-Clases de defectos en la actuaci\u00f3n \u00a0 VIA DE HECHO-Procedencia excepcional de tutela \u00a0 PROCESO CONCURSAL-Igual estructura conceptual \u00a0 PROCESO CONCORDATARIO-Prevalece frente a procesos ejecutivos \u00a0 Por su naturaleza y fines, el concordato prevalece sobre los procesos ejecutivos singulares que se est\u00e9n surtiendo en contra de quien se encuentra inmerso en \u00e9l; por ello los bienes de propiedad del deudor que se est\u00e9n persiguiendo en estos \u00faltimos deben ingresar a la masa de bienes del concordato, con la finalidad de que formen parte del acuerdo que ...<br \/><div class=\"pt-cv-rmwrap\"><a href=\"https:\/\/www.dmsjuridica.com\/buscador_20179478954\/corteconstitucionalcronologico202454587\/t-381-04\/\" class=\"_self pt-cv-readmore btn btn-success\" target=\"_self\">Ver Sentencia Completa...<\/a><\/div><\/div><\/div><\/div>\n<div class=\"col-md-12 col-sm-12 col-xs-12 pt-cv-content-item pt-cv-1-col\" ><div class='pt-cv-ifield'><a href=\"https:\/\/www.dmsjuridica.com\/buscador_20179478954\/corteconstitucionalcronologico202454587\/t-368-04\/\" class=\"_self pt-cv-href-thumbnail pt-cv-thumb-default\" target=\"_self\" ><\/a>\n<div class=\"pt-cv-taxoterm above_title\"><a href='https:\/\/www.dmsjuridica.com\/buscador_20179478954\/corteconstitucionalcronologico202454587\/category\/buscar-en-toda-la-corte\/2004\/tutelas-2004\/' title='Tutelas 2004' class='pt-cv-tax-tutelas-2004'>Tutelas 2004<\/a><\/div>\n<h4 class=\"pt-cv-title\"><a href=\"https:\/\/www.dmsjuridica.com\/buscador_20179478954\/corteconstitucionalcronologico202454587\/t-368-04\/\" class=\"_self\" target=\"_self\" >T-368-04<\/a><\/h4>\n<div class=\"pt-cv-content\">\u00a0 \u00a0 Sentencia T-368\/04 \u00a0 PROCEDIMIENTO ADMINISTRATIVO-Investigaci\u00f3n por la DIAN y la Administraci\u00f3n de Aduanas sobre legitimidad de pr\u00e1cticas comerciales relacionadas con importaci\u00f3n de veh\u00edculos \u00a0 ACCION DE TUTELA-Subsidiariedad \u00a0 ILEGALIDAD DE ACTOS ADMINISTRATIVOS-Pueden provenir de vicios sustanciales y procedimentales \u00a0 MEDIO DE DEFENSA JUDICIAL EFICAZ-Improcedencia de tutela \u00a0 PERJUICIO IRREMEDIABLE-Definici\u00f3n\/PERJUICIO IRREMEDIABLE-Elementos \u00a0 PERJUICIO IRREMEDIABLE-Inexistencia \u00a0 ACTO ADMINISTRATIVO SANCIONATORIO-No afecta a la empresa Autocheco sino a los importadores de veh\u00edculos Skoda \u00a0 DERECHO AL BUEN NOMBRE-No se vulnera por la no comparecencia de la empresa al proceso administrativo \u00a0 En cuanto al derecho al buen nombre, para la Sala es ...<br \/><div class=\"pt-cv-rmwrap\"><a href=\"https:\/\/www.dmsjuridica.com\/buscador_20179478954\/corteconstitucionalcronologico202454587\/t-368-04\/\" class=\"_self pt-cv-readmore btn btn-success\" target=\"_self\">Ver Sentencia Completa...<\/a><\/div><\/div><\/div><\/div>\n<div class=\"col-md-12 col-sm-12 col-xs-12 pt-cv-content-item pt-cv-1-col\" ><div class='pt-cv-ifield'><a href=\"https:\/\/www.dmsjuridica.com\/buscador_20179478954\/corteconstitucionalcronologico202454587\/t-367-04\/\" class=\"_self pt-cv-href-thumbnail pt-cv-thumb-default\" target=\"_self\" ><\/a>\n<div class=\"pt-cv-taxoterm above_title\"><a href='https:\/\/www.dmsjuridica.com\/buscador_20179478954\/corteconstitucionalcronologico202454587\/category\/buscar-en-toda-la-corte\/2004\/tutelas-2004\/' title='Tutelas 2004' class='pt-cv-tax-tutelas-2004'>Tutelas 2004<\/a><\/div>\n<h4 class=\"pt-cv-title\"><a href=\"https:\/\/www.dmsjuridica.com\/buscador_20179478954\/corteconstitucionalcronologico202454587\/t-367-04\/\" class=\"_self\" target=\"_self\" >T-367-04<\/a><\/h4>\n<div class=\"pt-cv-content\">\u00a0 \u00a0 Sentencia T-367\/04 \u00a0 DERECHOS PRESTACIONALES-Fundamental cuando amenazan derechos fundamentales \u00a0 DERECHO A LA VIDA-Concepto amplio\/DERECHO A LA VIDA-Se extiende a la recuperaci\u00f3n y mejoramiento de las condiciones de salud \u00a0 La Corte Constitucional ha elaborado un concepto amplio del mismo al considerar que tal derecho no se debe entender desde una dimensi\u00f3n meramente biol\u00f3gica, sino como un derecho cualificado que implica el reconocimiento y b\u00fasqueda de una vida digna. El derecho a la vida en s\u00ed mismo considerado, no es un concepto restrictivo que no se limita solamente a la idea reducida de peligro de muerte, sino que ...<br \/><div class=\"pt-cv-rmwrap\"><a href=\"https:\/\/www.dmsjuridica.com\/buscador_20179478954\/corteconstitucionalcronologico202454587\/t-367-04\/\" class=\"_self pt-cv-readmore btn btn-success\" target=\"_self\">Ver Sentencia Completa...<\/a><\/div><\/div><\/div><\/div>\n<div class=\"col-md-12 col-sm-12 col-xs-12 pt-cv-content-item pt-cv-1-col\" ><div class='pt-cv-ifield'><a href=\"https:\/\/www.dmsjuridica.com\/buscador_20179478954\/corteconstitucionalcronologico202454587\/t-365-04\/\" class=\"_self pt-cv-href-thumbnail pt-cv-thumb-default\" target=\"_self\" ><\/a>\n<div class=\"pt-cv-taxoterm above_title\"><a href='https:\/\/www.dmsjuridica.com\/buscador_20179478954\/corteconstitucionalcronologico202454587\/category\/buscar-en-toda-la-corte\/2004\/tutelas-2004\/' title='Tutelas 2004' class='pt-cv-tax-tutelas-2004'>Tutelas 2004<\/a><\/div>\n<h4 class=\"pt-cv-title\"><a href=\"https:\/\/www.dmsjuridica.com\/buscador_20179478954\/corteconstitucionalcronologico202454587\/t-365-04\/\" class=\"_self\" target=\"_self\" >T-365-04<\/a><\/h4>\n<div class=\"pt-cv-content\">\u00a0 \u00a0 Sentencia T-365\/04 \u00a0 ACCION DE TUTELA-Improcedencia por pretensiones basadas en hechos futuros \u00a0 En este caso se advierte que la accionante ha estructurado sus pretensiones sobre hechos que a\u00fan no han tenido ocurrencia y que, por lo tanto, vuelven nugatoria la protecci\u00f3n por v\u00eda de tutela. En efecto, Cajanal sostiene que temporalmente se encuentran suspendidos los contratos con las I.P.S. encargadas de prestar el servicio de salud a los afiliados, pero no est\u00e1 demostrado en el expediente que exista por ese hecho vulneraci\u00f3n a los derechos a la salud y la vida de la accionante, quien no manifiesta ...<br \/><div class=\"pt-cv-rmwrap\"><a href=\"https:\/\/www.dmsjuridica.com\/buscador_20179478954\/corteconstitucionalcronologico202454587\/t-365-04\/\" class=\"_self pt-cv-readmore btn btn-success\" target=\"_self\">Ver Sentencia Completa...<\/a><\/div><\/div><\/div><\/div>\n<div class=\"col-md-12 col-sm-12 col-xs-12 pt-cv-content-item pt-cv-1-col\" ><div class='pt-cv-ifield'><a href=\"https:\/\/www.dmsjuridica.com\/buscador_20179478954\/corteconstitucionalcronologico202454587\/t-364-04\/\" class=\"_self pt-cv-href-thumbnail pt-cv-thumb-default\" target=\"_self\" ><\/a>\n<div class=\"pt-cv-taxoterm above_title\"><a href='https:\/\/www.dmsjuridica.com\/buscador_20179478954\/corteconstitucionalcronologico202454587\/category\/buscar-en-toda-la-corte\/2004\/tutelas-2004\/' title='Tutelas 2004' class='pt-cv-tax-tutelas-2004'>Tutelas 2004<\/a><\/div>\n<h4 class=\"pt-cv-title\"><a href=\"https:\/\/www.dmsjuridica.com\/buscador_20179478954\/corteconstitucionalcronologico202454587\/t-364-04\/\" class=\"_self\" target=\"_self\" >T-364-04<\/a><\/h4>\n<div class=\"pt-cv-content\">\u00a0 \u00a0 Sentencia T-364\/04 \u00a0 DERECHO DE PETICION-Aplicaci\u00f3n inmediata \u00a0 DERECHO DE PETICION-Doble finalidad \u00a0 DERECHO DE PETICION-Contenido\/DERECHO DE PETICION-N\u00facleo esencial\/DERECHO DE PETICION-Contenido de la decisi\u00f3n\u00a0 \u00a0 DERECHO DE PETICION EN VIA GUBERNATIVA-No resoluci\u00f3n oportuna de recursos \u00a0 DERECHO DE PETICION ANTE EL SEGURO SOCIAL-Vulneraci\u00f3n por no resolver recursos extraordinarios \u00a0 DERECHO DE PETICION FRENTE AL SILENCIO ADMINISTRATIVO NEGATIVO-Alcance \u00a0 DERECHO DE PETICION EN MATERIA PENSIONAL-T\u00e9rminos \u00a0 Reiteraci\u00f3n de jurisprudencia \u00a0 Referencia: expediente T-828391 \u00a0 Acci\u00f3n de tutela interpuesta en contra del Instituto de Seguro Sociales Seccional Cundinamarca. \u00a0 Magistrado Ponente: \u00a0 Bogot\u00e1, D. C., veintid\u00f3s (22) de abril de ...<br \/><div class=\"pt-cv-rmwrap\"><a href=\"https:\/\/www.dmsjuridica.com\/buscador_20179478954\/corteconstitucionalcronologico202454587\/t-364-04\/\" class=\"_self pt-cv-readmore btn btn-success\" target=\"_self\">Ver Sentencia Completa...<\/a><\/div><\/div><\/div><\/div>\n<div class=\"col-md-12 col-sm-12 col-xs-12 pt-cv-content-item pt-cv-1-col\" ><div class='pt-cv-ifield'><a href=\"https:\/\/www.dmsjuridica.com\/buscador_20179478954\/corteconstitucionalcronologico202454587\/t-363-04\/\" class=\"_self pt-cv-href-thumbnail pt-cv-thumb-default\" target=\"_self\" ><\/a>\n<div class=\"pt-cv-taxoterm above_title\"><a href='https:\/\/www.dmsjuridica.com\/buscador_20179478954\/corteconstitucionalcronologico202454587\/category\/buscar-en-toda-la-corte\/2004\/tutelas-2004\/' title='Tutelas 2004' class='pt-cv-tax-tutelas-2004'>Tutelas 2004<\/a><\/div>\n<h4 class=\"pt-cv-title\"><a href=\"https:\/\/www.dmsjuridica.com\/buscador_20179478954\/corteconstitucionalcronologico202454587\/t-363-04\/\" class=\"_self\" target=\"_self\" >T-363-04<\/a><\/h4>\n<div class=\"pt-cv-content\">\u00a0 \u00a0 Sentencia T-363\/04 \u00a0 DERECHO DE PETICION-Aplicaci\u00f3n inmediata \u00a0 DERECHO DE PETICION-Elementos \u00a0 DERECHO DE PETICION FRENTE AL SILENCIO ADMINISTRATIVO NEGATIVO-Alcance \u00a0 El silencio administrativo negativo, no sustituye la respuesta que debe proferir la administraci\u00f3n cuando le ha sido interpuesto un derecho de petici\u00f3n. Lo anterior, por cuanto esa figura administrativa de rango legal, no tiene la fuerza para satisfacer el contenido conceptual de un derecho de rango fundamental y constitucional, como el de petici\u00f3n. \u00a0 FONDO NACIONAL DE PRESTACIONES SOCIALES DEL MAGISTERIO-No resoluci\u00f3n sobre reconocimiento de cesant\u00edas parciales \u00a0 Si bien el Fondo de Prestaciones Sociales del Magisterio, ...<br \/><div class=\"pt-cv-rmwrap\"><a href=\"https:\/\/www.dmsjuridica.com\/buscador_20179478954\/corteconstitucionalcronologico202454587\/t-363-04\/\" class=\"_self pt-cv-readmore btn btn-success\" target=\"_self\">Ver Sentencia Completa...<\/a><\/div><\/div><\/div><\/div>\n<div class=\"col-md-12 col-sm-12 col-xs-12 pt-cv-content-item pt-cv-1-col\" ><div class='pt-cv-ifield'><a href=\"https:\/\/www.dmsjuridica.com\/buscador_20179478954\/corteconstitucionalcronologico202454587\/t-362-04\/\" class=\"_self pt-cv-href-thumbnail pt-cv-thumb-default\" target=\"_self\" ><\/a>\n<div class=\"pt-cv-taxoterm above_title\"><a href='https:\/\/www.dmsjuridica.com\/buscador_20179478954\/corteconstitucionalcronologico202454587\/category\/buscar-en-toda-la-corte\/2004\/tutelas-2004\/' title='Tutelas 2004' class='pt-cv-tax-tutelas-2004'>Tutelas 2004<\/a><\/div>\n<h4 class=\"pt-cv-title\"><a href=\"https:\/\/www.dmsjuridica.com\/buscador_20179478954\/corteconstitucionalcronologico202454587\/t-362-04\/\" class=\"_self\" target=\"_self\" >T-362-04<\/a><\/h4>\n<div class=\"pt-cv-content\">\u00a0 \u00a0 Sentencia T-362\/04 \u00a0 ACCION DE TUTELA-Procedencia excepcional pago de acreencias laborales \u00a0 DERECHO AL MINIMO VITAL-Pago excepcional de acreencias laborales \u00a0 MINIMO VITAL-Alcance \u00a0 DERECHO AL MINIMO VITAL-Hip\u00f3tesis m\u00ednima para establecer vulneraci\u00f3n\/INCUMPLIMIENTO PROLONGADO-Concepto\/INCUMPLIMIENTO PROLONGADO-Efecto\/ACCION DE TUTELA-Procedencia por incumplimiento prolongado y ausencia de otros ingresos\/MINIMO VITAL-Carga de la prueba sobre existencia de otros ingresos que no lo afecten a pesar del no pago de salario \u00a0 Debido a la importancia del concepto \u201cm\u00ednimo vital\u201d, la Corte ha sido cuidadosa en identificar los criterios con los cuales puede establecerse, en el caso concreto, su afectaci\u00f3n. En este sentido, en la ...<br \/><div class=\"pt-cv-rmwrap\"><a href=\"https:\/\/www.dmsjuridica.com\/buscador_20179478954\/corteconstitucionalcronologico202454587\/t-362-04\/\" class=\"_self pt-cv-readmore btn btn-success\" target=\"_self\">Ver Sentencia Completa...<\/a><\/div><\/div><\/div><\/div>\n<div class=\"col-md-12 col-sm-12 col-xs-12 pt-cv-content-item pt-cv-1-col\" ><div class='pt-cv-ifield'><a href=\"https:\/\/www.dmsjuridica.com\/buscador_20179478954\/corteconstitucionalcronologico202454587\/t-361-04\/\" class=\"_self pt-cv-href-thumbnail pt-cv-thumb-default\" target=\"_self\" ><\/a>\n<div class=\"pt-cv-taxoterm above_title\"><a href='https:\/\/www.dmsjuridica.com\/buscador_20179478954\/corteconstitucionalcronologico202454587\/category\/buscar-en-toda-la-corte\/2004\/tutelas-2004\/' title='Tutelas 2004' class='pt-cv-tax-tutelas-2004'>Tutelas 2004<\/a><\/div>\n<h4 class=\"pt-cv-title\"><a href=\"https:\/\/www.dmsjuridica.com\/buscador_20179478954\/corteconstitucionalcronologico202454587\/t-361-04\/\" class=\"_self\" target=\"_self\" >T-361-04<\/a><\/h4>\n<div class=\"pt-cv-content\">\u00a0 \u00a0 Sentencia T-361\/04 \u00a0 VIA DE HECHO-Concepto \u00a0 VIA DE HECHO-Defectos en la actuaci\u00f3n \u00a0 VIA DE HECHO-Improcedencia por no ejercicio oportuno de recurso en proceso de reparaci\u00f3n directa \u00a0 ACCION DE TUTELA CONTRA PROVIDENCIAS JUDICIALES-Improcedencia por existencia de mecanismo de defensa judicial \u00a0 Referencia: expediente T-830383 \u00a0 Peticionario: Cecilia Pedroza de Venegas \u00a0 Accionado: Tribunal Administrativo de Cundinamarca - Secci\u00f3n Tercera - Subsecci\u00f3n B. \u00a0 Magistrado Ponente:\u00a0 \u00a0 Dr. MARCO GERARDO MONROY CABRA \u00a0 Bogot\u00e1 D. C., veintidos (22) de abril de dos mil cuatro (2004). \u00a0 La Sala Sexta de la Corte Constitucional, integrada por los Magistrados ...<br \/><div class=\"pt-cv-rmwrap\"><a href=\"https:\/\/www.dmsjuridica.com\/buscador_20179478954\/corteconstitucionalcronologico202454587\/t-361-04\/\" class=\"_self pt-cv-readmore btn btn-success\" target=\"_self\">Ver Sentencia Completa...<\/a><\/div><\/div><\/div><\/div>\n<div class=\"col-md-12 col-sm-12 col-xs-12 pt-cv-content-item pt-cv-1-col\" ><div class='pt-cv-ifield'><a href=\"https:\/\/www.dmsjuridica.com\/buscador_20179478954\/corteconstitucionalcronologico202454587\/t-359-04\/\" class=\"_self pt-cv-href-thumbnail pt-cv-thumb-default\" target=\"_self\" ><\/a>\n<div class=\"pt-cv-taxoterm above_title\"><a href='https:\/\/www.dmsjuridica.com\/buscador_20179478954\/corteconstitucionalcronologico202454587\/category\/buscar-en-toda-la-corte\/2004\/tutelas-2004\/' title='Tutelas 2004' class='pt-cv-tax-tutelas-2004'>Tutelas 2004<\/a><\/div>\n<h4 class=\"pt-cv-title\"><a href=\"https:\/\/www.dmsjuridica.com\/buscador_20179478954\/corteconstitucionalcronologico202454587\/t-359-04\/\" class=\"_self\" target=\"_self\" >T-359-04<\/a><\/h4>\n<div class=\"pt-cv-content\">\u00a0 \u00a0 Sentencia T-359\/04 \u00a0 AGENCIA OFICIOSA EN TUTELA-Hermano en representaci\u00f3n de hermana \u00a0 AGENCIA OFICIOSA EN TUTELA-Requisitos \u00a0 DERECHO A LA SALUD-Fundamental por conexidad \u00a0 DERECHO A LA SALUD-Fundamental respecto de personas que se encuentran en circunstancias de debilidad \u00a0 DERECHO A LA SALUD-Pr\u00e1ctica de cirug\u00eda de varices \u00a0 Referencia: expediente T-828352 \u00a0 Acci\u00f3n de tutela instaurada por \u00c1ngel Manuel Rodr\u00edguez Regino contra la Direcci\u00f3n del Servicio Seccional de Salud de Antioquia y y la Empresa Mutual para el Desarrollo Integral de la Salud. \u00a0 Magistrado Ponente: \u00a0 Dr. ALVARO TAFUR GALVIS \u00a0 Bogot\u00e1 D. C., veintid\u00f3s (22) de ...<br \/><div class=\"pt-cv-rmwrap\"><a href=\"https:\/\/www.dmsjuridica.com\/buscador_20179478954\/corteconstitucionalcronologico202454587\/t-359-04\/\" class=\"_self pt-cv-readmore btn btn-success\" target=\"_self\">Ver Sentencia Completa...<\/a><\/div><\/div><\/div><\/div>\n<div class=\"col-md-12 col-sm-12 col-xs-12 pt-cv-content-item pt-cv-1-col\" ><div class='pt-cv-ifield'><a href=\"https:\/\/www.dmsjuridica.com\/buscador_20179478954\/corteconstitucionalcronologico202454587\/t-358-04\/\" class=\"_self pt-cv-href-thumbnail pt-cv-thumb-default\" target=\"_self\" ><\/a>\n<div class=\"pt-cv-taxoterm above_title\"><a href='https:\/\/www.dmsjuridica.com\/buscador_20179478954\/corteconstitucionalcronologico202454587\/category\/buscar-en-toda-la-corte\/2004\/tutelas-2004\/' title='Tutelas 2004' class='pt-cv-tax-tutelas-2004'>Tutelas 2004<\/a><\/div>\n<h4 class=\"pt-cv-title\"><a href=\"https:\/\/www.dmsjuridica.com\/buscador_20179478954\/corteconstitucionalcronologico202454587\/t-358-04\/\" class=\"_self\" target=\"_self\" >T-358-04<\/a><\/h4>\n<div class=\"pt-cv-content\">\u00a0 \u00a0 Sentencia T-358\/04 \u00a0 CORTE CONSTITUCIONAL-Jurisprudencia sobre la procedencia de la acci\u00f3n de tutela para pago de pensi\u00f3n reconocida por la entidad de seguridad social \u00a0 ACCION DE TUTELA-Improcedencia pago de pensi\u00f3n por cuanto no ha sido reconocida\/DERECHO DE PETICION-Vulneraci\u00f3n por no haberse resuelto solicitud de pensi\u00f3n \u00a0 DERECHO A LA IGUALDAD-Criterios de comparaci\u00f3n respecto de factores salariales para liquidar pensiones de congresistas y magistrados \u00a0 ACCION DE TUTELA-Puede interponerse en cualquier tiempo no obstante agotarse la v\u00eda gubernativa \u00a0 La Corte ha fijado el criterio de que no obstante agotarse la v\u00eda gubernativa, y abrirse paso para el ...<br \/><div class=\"pt-cv-rmwrap\"><a href=\"https:\/\/www.dmsjuridica.com\/buscador_20179478954\/corteconstitucionalcronologico202454587\/t-358-04\/\" class=\"_self pt-cv-readmore btn btn-success\" target=\"_self\">Ver Sentencia Completa...<\/a><\/div><\/div><\/div><\/div>\n<div class=\"col-md-12 col-sm-12 col-xs-12 pt-cv-content-item pt-cv-1-col\" ><div class='pt-cv-ifield'><a href=\"https:\/\/www.dmsjuridica.com\/buscador_20179478954\/corteconstitucionalcronologico202454587\/t-357-04\/\" class=\"_self pt-cv-href-thumbnail pt-cv-thumb-default\" target=\"_self\" ><\/a>\n<div class=\"pt-cv-taxoterm above_title\"><a href='https:\/\/www.dmsjuridica.com\/buscador_20179478954\/corteconstitucionalcronologico202454587\/category\/buscar-en-toda-la-corte\/2004\/tutelas-2004\/' title='Tutelas 2004' class='pt-cv-tax-tutelas-2004'>Tutelas 2004<\/a><\/div>\n<h4 class=\"pt-cv-title\"><a href=\"https:\/\/www.dmsjuridica.com\/buscador_20179478954\/corteconstitucionalcronologico202454587\/t-357-04\/\" class=\"_self\" target=\"_self\" >T-357-04<\/a><\/h4>\n<div class=\"pt-cv-content\">\u00a0 \u00a0 Sentencia T-357\/04 \u00a0 DERECHO AL DEBIDO PROCESO-Reliquidaci\u00f3n y redenominaci\u00f3n de cr\u00e9ditos en moneda legal a UVR\/DERECHO AL DEBIDO PROCESO-Modificaci\u00f3n unilateral a pr\u00e9stamos de vivienda de inter\u00e9s social \u00a0 FONDO NACIONAL DEL AHORRO y DEBIDO PROCESO-Vulneraci\u00f3n por incumplimiento de condiciones de informaci\u00f3n en proceso de variaci\u00f3n de pr\u00e9stamos de vivienda \u00a0 FONDO NACIONAL DEL AHORRO-Abuso de posici\u00f3n dominante\/FONDO NACIONAL DEL AHORRO-Situaci\u00f3n de indefensi\u00f3n\/FONDO NACIONAL DEL AHORRO-Deber de informar a usuarios sobre redenominaci\u00f3n de cr\u00e9ditos hipotecarios \u00a0 DERECHO A LA INFORMACION-Vulneraci\u00f3n del derecho al debido proceso por informaci\u00f3n insuficiente \u00a0 Referencia: expediente T-840072 \u00a0 Acci\u00f3n de tutela interpuesta por Ofelia ...<br \/><div class=\"pt-cv-rmwrap\"><a href=\"https:\/\/www.dmsjuridica.com\/buscador_20179478954\/corteconstitucionalcronologico202454587\/t-357-04\/\" class=\"_self pt-cv-readmore btn btn-success\" target=\"_self\">Ver Sentencia Completa...<\/a><\/div><\/div><\/div><\/div>\n<div class=\"col-md-12 col-sm-12 col-xs-12 pt-cv-content-item pt-cv-1-col\" ><div class='pt-cv-ifield'><a href=\"https:\/\/www.dmsjuridica.com\/buscador_20179478954\/corteconstitucionalcronologico202454587\/t-346-04\/\" class=\"_self pt-cv-href-thumbnail pt-cv-thumb-default\" target=\"_self\" ><\/a>\n<div class=\"pt-cv-taxoterm above_title\"><a href='https:\/\/www.dmsjuridica.com\/buscador_20179478954\/corteconstitucionalcronologico202454587\/category\/buscar-en-toda-la-corte\/2004\/tutelas-2004\/' title='Tutelas 2004' class='pt-cv-tax-tutelas-2004'>Tutelas 2004<\/a><\/div>\n<h4 class=\"pt-cv-title\"><a href=\"https:\/\/www.dmsjuridica.com\/buscador_20179478954\/corteconstitucionalcronologico202454587\/t-346-04\/\" class=\"_self\" target=\"_self\" >T-346-04<\/a><\/h4>\n<div class=\"pt-cv-content\">\u00a0 \u00a0 Sentencia T-346\/04 \u00a0 MINIMO VITAL-Concepto \u00a0 DERECHO A LA SUBSISTENCIA DEL TRABAJADOR-Pago oportuno de salarios \u00a0 DERECHO A LA SUBSISTENCIA-Alcance \u00a0 DERECHO AL MINIMO VITAL-Requisitos para acreditar vulneraci\u00f3n \u00a0 ACCION DE TUTELA-Procedencia excepcional pago oportuno de salarios por afectaci\u00f3n del m\u00ednimo vital \u00a0 Reiteraci\u00f3n de Jurisprudencia \u00a0 \u00a0 Referencia: expediente T-831924 \u00a0 Acci\u00f3n de tutela instaurada por Gerson Agudelo contra el Municipio de Villa del Rosario, la Secretar\u00eda de Educaci\u00f3n del Departamento de Norte de Santander y el Ministerio de Educaci\u00f3n Nacional. \u00a0 Magistrado Ponente: \u00a0 Dr. JAIME ARAUJO RENTER\u00cdA \u00a0 Bogot\u00e1, D. C., \u00a0diecinueve (19) de abril ...<br \/><div class=\"pt-cv-rmwrap\"><a href=\"https:\/\/www.dmsjuridica.com\/buscador_20179478954\/corteconstitucionalcronologico202454587\/t-346-04\/\" class=\"_self pt-cv-readmore btn btn-success\" target=\"_self\">Ver Sentencia Completa...<\/a><\/div><\/div><\/div><\/div>\n<div class=\"col-md-12 col-sm-12 col-xs-12 pt-cv-content-item pt-cv-1-col\" ><div class='pt-cv-ifield'><a href=\"https:\/\/www.dmsjuridica.com\/buscador_20179478954\/corteconstitucionalcronologico202454587\/t-344-04\/\" class=\"_self pt-cv-href-thumbnail pt-cv-thumb-default\" target=\"_self\" ><\/a>\n<div class=\"pt-cv-taxoterm above_title\"><a href='https:\/\/www.dmsjuridica.com\/buscador_20179478954\/corteconstitucionalcronologico202454587\/category\/buscar-en-toda-la-corte\/2004\/tutelas-2004\/' title='Tutelas 2004' class='pt-cv-tax-tutelas-2004'>Tutelas 2004<\/a><\/div>\n<h4 class=\"pt-cv-title\"><a href=\"https:\/\/www.dmsjuridica.com\/buscador_20179478954\/corteconstitucionalcronologico202454587\/t-344-04\/\" class=\"_self\" target=\"_self\" >T-344-04<\/a><\/h4>\n<div class=\"pt-cv-content\">\u00a0 \u00a0 Sentencia T-344\/04 \u00a0 ACCION DE TUTELA CONTRA GRUPO INTERNO DE TRABAJO PARA EL PASIVO SOCIAL DE PUERTOS DE COLOMBIA DEL MINISTERIO DE TRABAJO-Suspensi\u00f3n del pago de la pensi\u00f3n \u00a0 PENSION DE JUBILACION DE EMPLEADO DE FONCOLPUERTOS-Suspensi\u00f3n por inexistencia en los archivos de la entidad de la hoja de vida\/PENSION DE JUBILACION DE EMPLEADO DE FONCOLPUERTOS-Suspensi\u00f3n por imposibilidad del demandante de aportar original o copia de la resoluci\u00f3n de reconocimiento \u00a0 DEBIDO PROCESO-Vulneraci\u00f3n por suspensi\u00f3n pago de mesadas pensionales \u00a0 De conformidad con la Constituci\u00f3n el debido proceso se aplicar\u00e1 a todas las actuaciones judiciales o administrativas. En desarrollo ...<br \/><div class=\"pt-cv-rmwrap\"><a href=\"https:\/\/www.dmsjuridica.com\/buscador_20179478954\/corteconstitucionalcronologico202454587\/t-344-04\/\" class=\"_self pt-cv-readmore btn btn-success\" target=\"_self\">Ver Sentencia Completa...<\/a><\/div><\/div><\/div><\/div>\n<div class=\"col-md-12 col-sm-12 col-xs-12 pt-cv-content-item pt-cv-1-col\" ><div class='pt-cv-ifield'><a href=\"https:\/\/www.dmsjuridica.com\/buscador_20179478954\/corteconstitucionalcronologico202454587\/t-343-04\/\" class=\"_self pt-cv-href-thumbnail pt-cv-thumb-default\" target=\"_self\" ><\/a>\n<div class=\"pt-cv-taxoterm above_title\"><a href='https:\/\/www.dmsjuridica.com\/buscador_20179478954\/corteconstitucionalcronologico202454587\/category\/buscar-en-toda-la-corte\/2004\/tutelas-2004\/' title='Tutelas 2004' class='pt-cv-tax-tutelas-2004'>Tutelas 2004<\/a><\/div>\n<h4 class=\"pt-cv-title\"><a href=\"https:\/\/www.dmsjuridica.com\/buscador_20179478954\/corteconstitucionalcronologico202454587\/t-343-04\/\" class=\"_self\" target=\"_self\" >T-343-04<\/a><\/h4>\n<div class=\"pt-cv-content\">\u00a0 \u00a0 Sentencia T-343\/04 \u00a0 DERECHO A LA SALUD-Incorpora el derecho al diagn\u00f3stico \u00a0 ACCION DE TUTELA-Hecho superado por realizaci\u00f3n de examen m\u00e9dico \u00a0 Reiteraci\u00f3n de Jurisprudencia \u00a0 Referencia: expediente T-839027 \u00a0 Acci\u00f3n de tutela instaurada por Dennys Morelly Hern\u00e1ndez Le\u00f3n contra la E.P.S. \u00a0Servicios Occidental de Salud S.A. S.O.S., Sede Bogot\u00e1.\u00a0 \u00a0 Magistrado Ponente: \u00a0 Dr. RODRIGO ESCOBAR GIL \u00a0 Bogot\u00e1, D. C., quince (15) de abril de dos mil cuatro (2004). \u00a0 La Sala Quinta de Revisi\u00f3n de la Corte Constitucional, en ejercicio de sus competencias constitucionales y legales, en particular las contenidas en los art\u00edculos 86 y ...<br \/><div class=\"pt-cv-rmwrap\"><a href=\"https:\/\/www.dmsjuridica.com\/buscador_20179478954\/corteconstitucionalcronologico202454587\/t-343-04\/\" class=\"_self pt-cv-readmore btn btn-success\" target=\"_self\">Ver Sentencia Completa...<\/a><\/div><\/div><\/div><\/div>\n<div class=\"col-md-12 col-sm-12 col-xs-12 pt-cv-content-item pt-cv-1-col\" ><div class='pt-cv-ifield'><a href=\"https:\/\/www.dmsjuridica.com\/buscador_20179478954\/corteconstitucionalcronologico202454587\/t-342-04\/\" class=\"_self pt-cv-href-thumbnail pt-cv-thumb-default\" target=\"_self\" ><\/a>\n<div class=\"pt-cv-taxoterm above_title\"><a href='https:\/\/www.dmsjuridica.com\/buscador_20179478954\/corteconstitucionalcronologico202454587\/category\/buscar-en-toda-la-corte\/2004\/tutelas-2004\/' title='Tutelas 2004' class='pt-cv-tax-tutelas-2004'>Tutelas 2004<\/a><\/div>\n<h4 class=\"pt-cv-title\"><a href=\"https:\/\/www.dmsjuridica.com\/buscador_20179478954\/corteconstitucionalcronologico202454587\/t-342-04\/\" class=\"_self\" target=\"_self\" >T-342-04<\/a><\/h4>\n<div class=\"pt-cv-content\">\u00a0 \u00a0 Sentencia T-342\/04 \u00a0 LEGITIMACION POR ACTIVA EN TUTELA-Alcance \u00a0 AGENCIA OFICIOSA EN TUTELA-Requisitos \u00a0 AGENCIA OFICIOSA EN TUTELA-No se cumplieron los requisitos\/FALTA DE LEGITIMACION POR ACTIVA EN TUTELA-Madre en representaci\u00f3n de hijo mayor de edad \u00a0 N\u00f3tese como, en este caso, no se cumplieron los presupuestos para que proceda la agencia oficiosa, en primer lugar, porque no se afirm\u00f3 expresamente en la demanda de tutela actuar en dicho sentido y, en segundo t\u00e9rmino, por cuanto m\u00e1s all\u00e1 de la manifestaci\u00f3n de la accionante en el sentido de requerir con urgencia de la operaci\u00f3n, no se acredit\u00f3 bajo ning\u00fan ...<br \/><div class=\"pt-cv-rmwrap\"><a href=\"https:\/\/www.dmsjuridica.com\/buscador_20179478954\/corteconstitucionalcronologico202454587\/t-342-04\/\" class=\"_self pt-cv-readmore btn btn-success\" target=\"_self\">Ver Sentencia Completa...<\/a><\/div><\/div><\/div><\/div>\n<div class=\"col-md-12 col-sm-12 col-xs-12 pt-cv-content-item pt-cv-1-col\" ><div class='pt-cv-ifield'><a href=\"https:\/\/www.dmsjuridica.com\/buscador_20179478954\/corteconstitucionalcronologico202454587\/t-341-04\/\" class=\"_self pt-cv-href-thumbnail pt-cv-thumb-default\" target=\"_self\" ><\/a>\n<div class=\"pt-cv-taxoterm above_title\"><a href='https:\/\/www.dmsjuridica.com\/buscador_20179478954\/corteconstitucionalcronologico202454587\/category\/buscar-en-toda-la-corte\/2004\/tutelas-2004\/' title='Tutelas 2004' class='pt-cv-tax-tutelas-2004'>Tutelas 2004<\/a><\/div>\n<h4 class=\"pt-cv-title\"><a href=\"https:\/\/www.dmsjuridica.com\/buscador_20179478954\/corteconstitucionalcronologico202454587\/t-341-04\/\" class=\"_self\" target=\"_self\" >T-341-04<\/a><\/h4>\n<div class=\"pt-cv-content\">\u00a0 \u00a0 Sentencia T-341\/04 \u00a0 DERECHO A LA SALUD-Requisitos para suministro de medicamento excluido del POS \u00a0 DERECHO A LA SALUD-Calidad de vida \u00a0 DERECHO A LA SALUD Y A LA VIDA-Suministro de medicamento excluido del POS \u00a0 Reiteraci\u00f3n de Jurisprudencia \u00a0 Referencia: expediente T-828088 \u00a0 Acci\u00f3n de tutela instaurada por Rafael Antonio Hermosilla Cortinez contra Cajanal E.P.S. \u00a0 Magistrado Ponente: \u00a0 Dr. RODRIGO ESCOBAR GIL \u00a0 Bogot\u00e1, D.C., quince (15) de abril de dos mil cuatro (2004). \u00a0 La Sala Quinta de Revisi\u00f3n de la Corte Constitucional, en ejercicio de sus competencias constitucionales y legales, en particular las contenidas ...<br \/><div class=\"pt-cv-rmwrap\"><a href=\"https:\/\/www.dmsjuridica.com\/buscador_20179478954\/corteconstitucionalcronologico202454587\/t-341-04\/\" class=\"_self pt-cv-readmore btn btn-success\" target=\"_self\">Ver Sentencia Completa...<\/a><\/div><\/div><\/div><\/div>\n<div class=\"col-md-12 col-sm-12 col-xs-12 pt-cv-content-item pt-cv-1-col\" ><div class='pt-cv-ifield'><a href=\"https:\/\/www.dmsjuridica.com\/buscador_20179478954\/corteconstitucionalcronologico202454587\/t-340-04\/\" class=\"_self pt-cv-href-thumbnail pt-cv-thumb-default\" target=\"_self\" ><\/a>\n<div class=\"pt-cv-taxoterm above_title\"><a href='https:\/\/www.dmsjuridica.com\/buscador_20179478954\/corteconstitucionalcronologico202454587\/category\/buscar-en-toda-la-corte\/2004\/tutelas-2004\/' title='Tutelas 2004' class='pt-cv-tax-tutelas-2004'>Tutelas 2004<\/a><\/div>\n<h4 class=\"pt-cv-title\"><a href=\"https:\/\/www.dmsjuridica.com\/buscador_20179478954\/corteconstitucionalcronologico202454587\/t-340-04\/\" class=\"_self\" target=\"_self\" >T-340-04<\/a><\/h4>\n<div class=\"pt-cv-content\">\u00a0 \u00a0 Sentencia T-340\/04 \u00a0 MEDIO DE DEFENSA JUDICIAL-Inexistencia \u00a0 PRECEDENTE JUDICIAL HORIZONTAL Y DOCTRINA PROBABLE\/PRECEDENTE JUDICIAL HORIZONTAL-Vincula a todas las salas de decisi\u00f3n de los tribunales \u00a0 PRECEDENTE JUDICIAL-Elementos que se requieren para separarse por revisi\u00f3n \u00a0 REGIMEN SOLIDARIO DE PRIMA MEDIA CON PRESTACION DEFINIDA-Fondo com\u00fan de naturaleza p\u00fablica \u00a0 MEDIO DE DEFENSA JUDICIAL-Proceso ejecutivo para el pago de la pensi\u00f3n \u00a0 DERECHO AL MINIMO VITAL DE PERSONA DE LA TERCERA EDAD ENFERMA-Protecci\u00f3n\/DERECHO AL MINIMO VITAL DE PERSONA DE LA TERCERA EDAD ENFERMA-Vulneraci\u00f3n si se somete al actor a la espera de 18 meses para iniciar proceso ejecutivo \u00a0 ...<br \/><div class=\"pt-cv-rmwrap\"><a href=\"https:\/\/www.dmsjuridica.com\/buscador_20179478954\/corteconstitucionalcronologico202454587\/t-340-04\/\" class=\"_self pt-cv-readmore btn btn-success\" target=\"_self\">Ver Sentencia Completa...<\/a><\/div><\/div><\/div><\/div>\n<div class=\"col-md-12 col-sm-12 col-xs-12 pt-cv-content-item pt-cv-1-col\" ><div class='pt-cv-ifield'><a href=\"https:\/\/www.dmsjuridica.com\/buscador_20179478954\/corteconstitucionalcronologico202454587\/t-339-04\/\" class=\"_self pt-cv-href-thumbnail pt-cv-thumb-default\" target=\"_self\" ><\/a>\n<div class=\"pt-cv-taxoterm above_title\"><a href='https:\/\/www.dmsjuridica.com\/buscador_20179478954\/corteconstitucionalcronologico202454587\/category\/buscar-en-toda-la-corte\/2004\/tutelas-2004\/' title='Tutelas 2004' class='pt-cv-tax-tutelas-2004'>Tutelas 2004<\/a><\/div>\n<h4 class=\"pt-cv-title\"><a href=\"https:\/\/www.dmsjuridica.com\/buscador_20179478954\/corteconstitucionalcronologico202454587\/t-339-04\/\" class=\"_self\" target=\"_self\" >T-339-04<\/a><\/h4>\n<div class=\"pt-cv-content\">\u00a0 \u00a0 Sentencia T-339\/04 \u00a0 DERECHO DE PETICION ANTE GOBERNACION DE CUNDINAMARCA-Vulneraci\u00f3n por no respuesta pronta y oportuna sobre reajuste pensional \u00a0 DERECHO DE PETICION EN MATERIA PENSIONAL-T\u00e9rminos para resolver sobre reajuste pensional \u00a0 Al accionante ya se le reconoci\u00f3 el derecho pensional; lo que se solicita es el reajuste de las mesadas - petici\u00f3n para cuya respuesta la Gobernaci\u00f3n de Cundinamarca contaba con 15 d\u00edas, los cu\u00e1les ya han transcurrido -, una copia de la resoluci\u00f3n de reconocimiento de pensi\u00f3n y el certificado de lo devengado en 1992 por concepto de pensiones, para lo cual la accionada contaba con ...<br \/><div class=\"pt-cv-rmwrap\"><a href=\"https:\/\/www.dmsjuridica.com\/buscador_20179478954\/corteconstitucionalcronologico202454587\/t-339-04\/\" class=\"_self pt-cv-readmore btn btn-success\" target=\"_self\">Ver Sentencia Completa...<\/a><\/div><\/div><\/div><\/div>\n<div class=\"col-md-12 col-sm-12 col-xs-12 pt-cv-content-item pt-cv-1-col\" ><div class='pt-cv-ifield'><a href=\"https:\/\/www.dmsjuridica.com\/buscador_20179478954\/corteconstitucionalcronologico202454587\/t-338-04\/\" class=\"_self pt-cv-href-thumbnail pt-cv-thumb-default\" target=\"_self\" ><\/a>\n<div class=\"pt-cv-taxoterm above_title\"><a href='https:\/\/www.dmsjuridica.com\/buscador_20179478954\/corteconstitucionalcronologico202454587\/category\/buscar-en-toda-la-corte\/2004\/tutelas-2004\/' title='Tutelas 2004' class='pt-cv-tax-tutelas-2004'>Tutelas 2004<\/a><\/div>\n<h4 class=\"pt-cv-title\"><a href=\"https:\/\/www.dmsjuridica.com\/buscador_20179478954\/corteconstitucionalcronologico202454587\/t-338-04\/\" class=\"_self\" target=\"_self\" >T-338-04<\/a><\/h4>\n<div class=\"pt-cv-content\">\u00a0 \u00a0 Sentencia T-338\/04 \u00a0 DERECHO A LA SALUD-Fundamental por conexidad\/DERECHO A LA SALUD-Conexidad con la vida y la seguridad social \u00a0 DERECHO A LA SALUD-Orden de fijaci\u00f3n de fecha para cirug\u00eda de trasplante total de cadera \u00a0 Referencia: expediente: T-841221 \u00a0 Accionante: Nancy Rodr\u00edguez Cantor \u00a0 \u00a0 Procedencia: Juzgado Veintitr\u00e9s Penal del Circuito de Bogot\u00e1 \u00a0 Magistrado Ponente:\u00a0 \u00a0 Dr. MARCO GERARDO MONROY CABRA \u00a0 Bogot\u00e1 D. C., quince (15) de abril de dos mil cuatro (2004). \u00a0 La Sala Sexta de la Corte Constitucional, integrada por los Magistrados doctores, Eduardo Montealegre Lynett, \u00c1lvaro Tafur Galvis y Marco Gerardo ...<br \/><div class=\"pt-cv-rmwrap\"><a href=\"https:\/\/www.dmsjuridica.com\/buscador_20179478954\/corteconstitucionalcronologico202454587\/t-338-04\/\" class=\"_self pt-cv-readmore btn btn-success\" target=\"_self\">Ver Sentencia Completa...<\/a><\/div><\/div><\/div><\/div>\n<div class=\"col-md-12 col-sm-12 col-xs-12 pt-cv-content-item pt-cv-1-col\" ><div class='pt-cv-ifield'><a href=\"https:\/\/www.dmsjuridica.com\/buscador_20179478954\/corteconstitucionalcronologico202454587\/t-336-04\/\" class=\"_self pt-cv-href-thumbnail pt-cv-thumb-default\" target=\"_self\" ><\/a>\n<div class=\"pt-cv-taxoterm above_title\"><a href='https:\/\/www.dmsjuridica.com\/buscador_20179478954\/corteconstitucionalcronologico202454587\/category\/buscar-en-toda-la-corte\/2004\/tutelas-2004\/' title='Tutelas 2004' class='pt-cv-tax-tutelas-2004'>Tutelas 2004<\/a><\/div>\n<h4 class=\"pt-cv-title\"><a href=\"https:\/\/www.dmsjuridica.com\/buscador_20179478954\/corteconstitucionalcronologico202454587\/t-336-04\/\" class=\"_self\" target=\"_self\" >T-336-04<\/a><\/h4>\n<div class=\"pt-cv-content\">\u00a0 \u00a0 Sentencia T-336\/04 \u00a0 ACCION DE TUTELA TEMERARIA-Alcance \u00a0 ACCION DE TUTELA TEMERARIA-Causales \u00a0 ACCION DE TUTELA TEMERARIA-Inexistencia para el caso \u00a0 La temeridad alegada por los intervinientes no se presenta en el presente caso, pues de acuerdo con las pruebas allegadas a este proceso se pudo determinar que existi\u00f3 un motivo justificativo para interponer la tutela que se revisa, como quiera que el amparo solicitado en la primera oportunidad fue ejercido cuando a\u00fan no se encontraba en firme la sentencia impugnada, al tiempo que en el asunto que se revisa la acci\u00f3n es impetrada frente a una decisi\u00f3n ...<br \/><div class=\"pt-cv-rmwrap\"><a href=\"https:\/\/www.dmsjuridica.com\/buscador_20179478954\/corteconstitucionalcronologico202454587\/t-336-04\/\" class=\"_self pt-cv-readmore btn btn-success\" target=\"_self\">Ver Sentencia Completa...<\/a><\/div><\/div><\/div><\/div>\n<div class=\"col-md-12 col-sm-12 col-xs-12 pt-cv-content-item pt-cv-1-col\" ><div class='pt-cv-ifield'><a href=\"https:\/\/www.dmsjuridica.com\/buscador_20179478954\/corteconstitucionalcronologico202454587\/t-335-04\/\" class=\"_self pt-cv-href-thumbnail pt-cv-thumb-default\" target=\"_self\" ><\/a>\n<div class=\"pt-cv-taxoterm above_title\"><a href='https:\/\/www.dmsjuridica.com\/buscador_20179478954\/corteconstitucionalcronologico202454587\/category\/buscar-en-toda-la-corte\/2004\/tutelas-2004\/' title='Tutelas 2004' class='pt-cv-tax-tutelas-2004'>Tutelas 2004<\/a><\/div>\n<h4 class=\"pt-cv-title\"><a href=\"https:\/\/www.dmsjuridica.com\/buscador_20179478954\/corteconstitucionalcronologico202454587\/t-335-04\/\" class=\"_self\" target=\"_self\" >T-335-04<\/a><\/h4>\n<div class=\"pt-cv-content\">\u00a0 \u00a0 Sentencia T-335\/04 \u00a0 DERECHO AL MINIMO VITAL-Concepto\/DERECHO AL MINIMO VITAL-Alcance \u00a0 DERECHO AL MINIMO VITAL DEL TRABAJADOR-Hip\u00f3tesis f\u00e1cticas m\u00ednimas de vulneraci\u00f3n por no pago de salarios \u00a0 CONTRATO DE PRESTACION DE SERVICIOS-Juez constitucional no es el competente para dirimir conflictos por no pago de honorarios \u00a0 En el caso concreto de contratos de prestaci\u00f3n de servicios, esta Corporaci\u00f3n ha se\u00f1alado que el juez constitucional no es la autoridad judicial competente para dirimir los conflictos que surgen cuando dejan de cancelarse los honorarios. Tal situaci\u00f3n desnaturalizar\u00eda la acci\u00f3n de tutela, pues esta ha sido dise\u00f1ada como un mecanismo para ...<br \/><div class=\"pt-cv-rmwrap\"><a href=\"https:\/\/www.dmsjuridica.com\/buscador_20179478954\/corteconstitucionalcronologico202454587\/t-335-04\/\" class=\"_self pt-cv-readmore btn btn-success\" target=\"_self\">Ver Sentencia Completa...<\/a><\/div><\/div><\/div><\/div>\n<div class=\"col-md-12 col-sm-12 col-xs-12 pt-cv-content-item pt-cv-1-col\" ><div class='pt-cv-ifield'><a href=\"https:\/\/www.dmsjuridica.com\/buscador_20179478954\/corteconstitucionalcronologico202454587\/t-333-04\/\" class=\"_self pt-cv-href-thumbnail pt-cv-thumb-default\" target=\"_self\" ><\/a>\n<div class=\"pt-cv-taxoterm above_title\"><a href='https:\/\/www.dmsjuridica.com\/buscador_20179478954\/corteconstitucionalcronologico202454587\/category\/buscar-en-toda-la-corte\/2004\/tutelas-2004\/' title='Tutelas 2004' class='pt-cv-tax-tutelas-2004'>Tutelas 2004<\/a><\/div>\n<h4 class=\"pt-cv-title\"><a href=\"https:\/\/www.dmsjuridica.com\/buscador_20179478954\/corteconstitucionalcronologico202454587\/t-333-04\/\" class=\"_self\" target=\"_self\" >T-333-04<\/a><\/h4>\n<div class=\"pt-cv-content\">\u00a0 \u00a0 Sentencia T-333\/04 \u00a0 DERECHO A LA SALUD-No entrega de medicamento excluido del POS por no estar probada amenaza a derechos fundamentales \u00a0 ACCION DE TUTELA-Improcedencia para entrega de medicamento excluido del POS \u00a0 Reiteraci\u00f3n de Jurisprudencia \u00a0 Referencia: expediente T-822849 \u00a0 Acci\u00f3n de tutela instaurada por Luis Alberto Vivas contra SALUDCOOP E.P.S.. \u00a0 Magistrado Ponente: \u00a0 Dr. EDUARDO MONTEALEGRE LYNETT \u00a0 Bogot\u00e1, D. C., quince (15) de abril de dos mil cuatro (2004). \u00a0 La Sala S\u00e9ptima de Revisi\u00f3n de la Corte Constitucional, en ejercicio de sus competencias constitucionales y legales, espec\u00edficamente las previstas en los art\u00edculos 86 ...<br \/><div class=\"pt-cv-rmwrap\"><a href=\"https:\/\/www.dmsjuridica.com\/buscador_20179478954\/corteconstitucionalcronologico202454587\/t-333-04\/\" class=\"_self pt-cv-readmore btn btn-success\" target=\"_self\">Ver Sentencia Completa...<\/a><\/div><\/div><\/div><\/div>\n<div class=\"col-md-12 col-sm-12 col-xs-12 pt-cv-content-item pt-cv-1-col\" ><div class='pt-cv-ifield'><a href=\"https:\/\/www.dmsjuridica.com\/buscador_20179478954\/corteconstitucionalcronologico202454587\/t-332-04\/\" class=\"_self pt-cv-href-thumbnail pt-cv-thumb-default\" target=\"_self\" ><\/a>\n<div class=\"pt-cv-taxoterm above_title\"><a href='https:\/\/www.dmsjuridica.com\/buscador_20179478954\/corteconstitucionalcronologico202454587\/category\/buscar-en-toda-la-corte\/2004\/tutelas-2004\/' title='Tutelas 2004' class='pt-cv-tax-tutelas-2004'>Tutelas 2004<\/a><\/div>\n<h4 class=\"pt-cv-title\"><a href=\"https:\/\/www.dmsjuridica.com\/buscador_20179478954\/corteconstitucionalcronologico202454587\/t-332-04\/\" class=\"_self\" target=\"_self\" >T-332-04<\/a><\/h4>\n<div class=\"pt-cv-content\">\u00a0 \u00a0 Sentencia T-332\/04 \u00a0 DERECHO A LA LIBERTAD DE CONCIENCIA-Concepto \u00a0 El derecho a la libertad de conciencia consagrado constitucionalmente como un derecho fundamental de aplicaci\u00f3n inmediata, es el que tiene toda persona para actuar en consideraci\u00f3n a sus propios par\u00e1metros de conducta sin que pueda impon\u00e9rsele actuaciones que est\u00e9n en contra de su raz\u00f3n. \u00a0 LIBERTAD RELIGIOSA-Elementos \u00a0 LIBERTAD DE CONCIENCIA DE EMPLEADOS CIVILES DEL MINISTERIO DE DEFENSA-No vulneraci\u00f3n por exigencia de asistir a formaci\u00f3n semanal y mensual en la Brigada del Ej\u00e9rcito \u00a0 La Sala considera que las autoridades del Ministerio de Defensa Nacional y, en particular, ...<br \/><div class=\"pt-cv-rmwrap\"><a href=\"https:\/\/www.dmsjuridica.com\/buscador_20179478954\/corteconstitucionalcronologico202454587\/t-332-04\/\" class=\"_self pt-cv-readmore btn btn-success\" target=\"_self\">Ver Sentencia Completa...<\/a><\/div><\/div><\/div><\/div>\n<div class=\"col-md-12 col-sm-12 col-xs-12 pt-cv-content-item pt-cv-1-col\" ><div class='pt-cv-ifield'><a href=\"https:\/\/www.dmsjuridica.com\/buscador_20179478954\/corteconstitucionalcronologico202454587\/t-331-04\/\" class=\"_self pt-cv-href-thumbnail pt-cv-thumb-default\" target=\"_self\" ><\/a>\n<div class=\"pt-cv-taxoterm above_title\"><a href='https:\/\/www.dmsjuridica.com\/buscador_20179478954\/corteconstitucionalcronologico202454587\/category\/buscar-en-toda-la-corte\/2004\/tutelas-2004\/' title='Tutelas 2004' class='pt-cv-tax-tutelas-2004'>Tutelas 2004<\/a><\/div>\n<h4 class=\"pt-cv-title\"><a href=\"https:\/\/www.dmsjuridica.com\/buscador_20179478954\/corteconstitucionalcronologico202454587\/t-331-04\/\" class=\"_self\" target=\"_self\" >T-331-04<\/a><\/h4>\n<div class=\"pt-cv-content\">\u00a0 \u00a0 Sentencia T-331\/04 \u00a0 ACCION DE TUTELA-Improcedencia cuando no se requiere previamente a la entidad prestadora de salud para la prestaci\u00f3n del servicio \u00a0 ACCION DE TUTELA-Improcedencia por no afectaci\u00f3n de vida ni salud \u00a0 Referencia: expediente T-848107 \u00a0 Accionante: Carmen Mar\u00eda L\u00f3pez \u00a0 \u00a0 Procedencia: Juzgado Veintiuno Penal del Circuito de Medell\u00edn \u00a0 Magistrado Ponente:\u00a0 \u00a0 Dr. MARCO GERARDO MONROY CABRA \u00a0 Bogot\u00e1 D. C., quince (15) de abril de dos mil cuatro (2004). \u00a0 La Sala Sexta de la Corte Constitucional, integrada por los Magistrados doctores, Eduardo Montealegre Lynett, \u00c1lvaro Tafur Galvis y Marco Gerardo Monroy Cabra, ...<br \/><div class=\"pt-cv-rmwrap\"><a href=\"https:\/\/www.dmsjuridica.com\/buscador_20179478954\/corteconstitucionalcronologico202454587\/t-331-04\/\" class=\"_self pt-cv-readmore btn btn-success\" target=\"_self\">Ver Sentencia Completa...<\/a><\/div><\/div><\/div><\/div>\n<div class=\"col-md-12 col-sm-12 col-xs-12 pt-cv-content-item pt-cv-1-col\" ><div class='pt-cv-ifield'><a href=\"https:\/\/www.dmsjuridica.com\/buscador_20179478954\/corteconstitucionalcronologico202454587\/t-330-04\/\" class=\"_self pt-cv-href-thumbnail pt-cv-thumb-default\" target=\"_self\" ><\/a>\n<div class=\"pt-cv-taxoterm above_title\"><a href='https:\/\/www.dmsjuridica.com\/buscador_20179478954\/corteconstitucionalcronologico202454587\/category\/buscar-en-toda-la-corte\/2004\/tutelas-2004\/' title='Tutelas 2004' class='pt-cv-tax-tutelas-2004'>Tutelas 2004<\/a><\/div>\n<h4 class=\"pt-cv-title\"><a href=\"https:\/\/www.dmsjuridica.com\/buscador_20179478954\/corteconstitucionalcronologico202454587\/t-330-04\/\" class=\"_self\" target=\"_self\" >T-330-04<\/a><\/h4>\n<div class=\"pt-cv-content\">\u00a0 \u00a0 Sentencia T-330\/04 \u00a0 ACCION DE TUTELA-Casos en que procede excepcionalmente pago de acreencias laborales \u00a0 ACCION DE TUTELA TEMERARIA-Inexistencia \u00a0 Reiteraci\u00f3n de Jurisprudencia \u00a0 Referencia: expediente T-836163 \u00a0 Acci\u00f3n de tutela instaurada por Wladimiro C\u00f3rdoba Copete contra el Departamento del Choc\u00f3 \u00a0 Magistrado Ponente: \u00a0 Dr. MANUEL JOS\u00c9 CEPEDA ESPINOSA \u00a0 Bogot\u00e1 D. C., quince (15) de abril de dos mil cuatro (2004). \u00a0 La Sala Tercera de Revisi\u00f3n de la Corte Constitucional, integrada por los Magistrados Manuel Jos\u00e9 Cepeda Espinosa, Jaime C\u00f3rdoba Trivi\u00f1o y Rodrigo Escobar Gil, en ejercicio de sus competencias constitucionales y legales, ha proferido ...<br \/><div class=\"pt-cv-rmwrap\"><a href=\"https:\/\/www.dmsjuridica.com\/buscador_20179478954\/corteconstitucionalcronologico202454587\/t-330-04\/\" class=\"_self pt-cv-readmore btn btn-success\" target=\"_self\">Ver Sentencia Completa...<\/a><\/div><\/div><\/div><\/div>\n<div class=\"col-md-12 col-sm-12 col-xs-12 pt-cv-content-item pt-cv-1-col\" ><div class='pt-cv-ifield'><a href=\"https:\/\/www.dmsjuridica.com\/buscador_20179478954\/corteconstitucionalcronologico202454587\/t-329-04\/\" class=\"_self pt-cv-href-thumbnail pt-cv-thumb-default\" target=\"_self\" ><\/a>\n<div class=\"pt-cv-taxoterm above_title\"><a href='https:\/\/www.dmsjuridica.com\/buscador_20179478954\/corteconstitucionalcronologico202454587\/category\/buscar-en-toda-la-corte\/2004\/tutelas-2004\/' title='Tutelas 2004' class='pt-cv-tax-tutelas-2004'>Tutelas 2004<\/a><\/div>\n<h4 class=\"pt-cv-title\"><a href=\"https:\/\/www.dmsjuridica.com\/buscador_20179478954\/corteconstitucionalcronologico202454587\/t-329-04\/\" class=\"_self\" target=\"_self\" >T-329-04<\/a><\/h4>\n<div class=\"pt-cv-content\">\u00a0 \u00a0 Sentencia T-329\/04 \u00a0 ACCION DE TUTELA-Improcedencia para revivir t\u00e9rminos o recursos procesales \u00a0 ACCION DE TUTELA-Improcedencia por no demostraci\u00f3n de perjuicio irremediable en traslado\/TRASLADO DE EMPLEADO DE LA DIAN-Condiciones para que se considere arbitrario \u00a0 Dado que las condiciones laborales del demandante no ser\u00e1n modificadas en desmedro de las actuales, los supuestos f\u00e1cticos del caso de la referencia dan lugar a un problema jur\u00eddico ya resuelto por la jurisprudencia constitucional. As\u00ed, en la sentencia T-965 de 2001 la Corte se\u00f1al\u00f3 que, en casos como el presente, la acci\u00f3n de tutela es procedente de forma excepcional cuando un traslado ...<br \/><div class=\"pt-cv-rmwrap\"><a href=\"https:\/\/www.dmsjuridica.com\/buscador_20179478954\/corteconstitucionalcronologico202454587\/t-329-04\/\" class=\"_self pt-cv-readmore btn btn-success\" target=\"_self\">Ver Sentencia Completa...<\/a><\/div><\/div><\/div><\/div>\n<div class=\"col-md-12 col-sm-12 col-xs-12 pt-cv-content-item pt-cv-1-col\" ><div class='pt-cv-ifield'><a href=\"https:\/\/www.dmsjuridica.com\/buscador_20179478954\/corteconstitucionalcronologico202454587\/t-328-04\/\" class=\"_self pt-cv-href-thumbnail pt-cv-thumb-default\" target=\"_self\" ><\/a>\n<div class=\"pt-cv-taxoterm above_title\"><a href='https:\/\/www.dmsjuridica.com\/buscador_20179478954\/corteconstitucionalcronologico202454587\/category\/buscar-en-toda-la-corte\/2004\/tutelas-2004\/' title='Tutelas 2004' class='pt-cv-tax-tutelas-2004'>Tutelas 2004<\/a><\/div>\n<h4 class=\"pt-cv-title\"><a href=\"https:\/\/www.dmsjuridica.com\/buscador_20179478954\/corteconstitucionalcronologico202454587\/t-328-04\/\" class=\"_self\" target=\"_self\" >T-328-04<\/a><\/h4>\n<div class=\"pt-cv-content\">\u00a0 \u00a0 Sentencia T-328\/04 \u00a0 RECURSO DE CASACION-Violaci\u00f3n de las normas constitucionales \u00a0 RECURSO DE CASACION-Restablecimiento de derechos constitucionales \u00a0 CASACION-Finalidad \u00a0 RECURSO DE CASACION-Improcedencia de tutela para restablecer derechos conculcados dentro del mismo asunto\/ACCION DE TUTELA-Subsidiariedad \u00a0 Prevista la procedencia del recurso de casaci\u00f3n, en un caso concreto, no procede instaurar una acci\u00f3n de tutela con miras a restablecer los derechos fundamentales conculcados dentro del mismo asunto, sino interponer dicho recurso, porque al tenor del art\u00edculo 86 de la Carta pol\u00edtica el amparo constitucional opera cuando el afectado no dispone de otro medio, y la casaci\u00f3n es un instrumento ...<br \/><div class=\"pt-cv-rmwrap\"><a href=\"https:\/\/www.dmsjuridica.com\/buscador_20179478954\/corteconstitucionalcronologico202454587\/t-328-04\/\" class=\"_self pt-cv-readmore btn btn-success\" target=\"_self\">Ver Sentencia Completa...<\/a><\/div><\/div><\/div><\/div>\n<div class=\"col-md-12 col-sm-12 col-xs-12 pt-cv-content-item pt-cv-1-col\" ><div class='pt-cv-ifield'><a href=\"https:\/\/www.dmsjuridica.com\/buscador_20179478954\/corteconstitucionalcronologico202454587\/t-327-04\/\" class=\"_self pt-cv-href-thumbnail pt-cv-thumb-default\" target=\"_self\" ><\/a>\n<div class=\"pt-cv-taxoterm above_title\"><a href='https:\/\/www.dmsjuridica.com\/buscador_20179478954\/corteconstitucionalcronologico202454587\/category\/buscar-en-toda-la-corte\/2004\/tutelas-2004\/' title='Tutelas 2004' class='pt-cv-tax-tutelas-2004'>Tutelas 2004<\/a><\/div>\n<h4 class=\"pt-cv-title\"><a href=\"https:\/\/www.dmsjuridica.com\/buscador_20179478954\/corteconstitucionalcronologico202454587\/t-327-04\/\" class=\"_self\" target=\"_self\" >T-327-04<\/a><\/h4>\n<div class=\"pt-cv-content\">\u00a0 \u00a0 Sentencia T-327\/04 \u00a0 CORTE INTERAMERICANA DE DERECHOS HUMANOS-Contenido de la resoluci\u00f3n \u00a0 CORTE INTERAMERICANA DE DERECHOS HUMANOS-Regulaci\u00f3n de medidas cautelares \u00a0 MEDIDAS CAUTELARES-Naturaleza jur\u00eddica \u00a0 MEDIDAS CAUTELARES-Ejecuci\u00f3n por autoridades p\u00fablicas \u00a0 CONSTITUCIONALIZACION DEL ORDENAMIENTO NACIONAL-Alcance \u00a0 DERECHO A LA VIDA-Amenaza \u00a0 DERECHO A LA VIDA-Amenaza puede tener varios niveles de gravedad \u00a0 DERECHO A LA VIDA-Protecci\u00f3n por parte de las autoridades \u00a0 ACCION DE TUTELA-Vulneraci\u00f3n o amenaza de derechos fundamentales\/ACCION DE TUTELA-Diferencias entre vulneraci\u00f3n y amenaza \u00a0 DERECHO A LA VIDA-Protecci\u00f3n a integrantes de la comunidad de Paz \u00a0 CORTE INTERAMERICANA DE DERECHOS HUMANOS-Pronunciamiento por hostigamientos de los ...<br \/><div class=\"pt-cv-rmwrap\"><a href=\"https:\/\/www.dmsjuridica.com\/buscador_20179478954\/corteconstitucionalcronologico202454587\/t-327-04\/\" class=\"_self pt-cv-readmore btn btn-success\" target=\"_self\">Ver Sentencia Completa...<\/a><\/div><\/div><\/div><\/div>\n<div class=\"col-md-12 col-sm-12 col-xs-12 pt-cv-content-item pt-cv-1-col\" ><div class='pt-cv-ifield'><a href=\"https:\/\/www.dmsjuridica.com\/buscador_20179478954\/corteconstitucionalcronologico202454587\/t-326-04\/\" class=\"_self pt-cv-href-thumbnail pt-cv-thumb-default\" target=\"_self\" ><\/a>\n<div class=\"pt-cv-taxoterm above_title\"><a href='https:\/\/www.dmsjuridica.com\/buscador_20179478954\/corteconstitucionalcronologico202454587\/category\/buscar-en-toda-la-corte\/2004\/tutelas-2004\/' title='Tutelas 2004' class='pt-cv-tax-tutelas-2004'>Tutelas 2004<\/a><\/div>\n<h4 class=\"pt-cv-title\"><a href=\"https:\/\/www.dmsjuridica.com\/buscador_20179478954\/corteconstitucionalcronologico202454587\/t-326-04\/\" class=\"_self\" target=\"_self\" >T-326-04<\/a><\/h4>\n<div class=\"pt-cv-content\">\u00a0 \u00a0 Sentencia T-326\/04 \u00a0 ENTIDAD PROMOTORA DE SALUD-Realizaci\u00f3n examen de carga viral y repetici\u00f3n contra el FOSYGA \u00a0 CONSEJO NACIONAL DE SEGURIDAD SOCIAL EN SALUD-Inclusi\u00f3n en el POS del r\u00e9gimen contributivo la pr\u00e1ctica del examen de carga viral \u00a0 La Corte en varias de sus providencias, protegiendo los derechos de quien acud\u00eda a la acci\u00f3n de tutela, ordenaba la pr\u00e1ctica del examen de carga viral. Pero a su vez, teniendo en cuenta los intereses de las Empresas Promotoras de Salud, las facultaba para ejercer el derecho de repetici\u00f3n en contra del Estado Colombiano, espec\u00edficamente en contra del Fondo de ...<br \/><div class=\"pt-cv-rmwrap\"><a href=\"https:\/\/www.dmsjuridica.com\/buscador_20179478954\/corteconstitucionalcronologico202454587\/t-326-04\/\" class=\"_self pt-cv-readmore btn btn-success\" target=\"_self\">Ver Sentencia Completa...<\/a><\/div><\/div><\/div><\/div>\n<div class=\"col-md-12 col-sm-12 col-xs-12 pt-cv-content-item pt-cv-1-col\" ><div class='pt-cv-ifield'><a href=\"https:\/\/www.dmsjuridica.com\/buscador_20179478954\/corteconstitucionalcronologico202454587\/t-325-04\/\" class=\"_self pt-cv-href-thumbnail pt-cv-thumb-default\" target=\"_self\" ><\/a>\n<div class=\"pt-cv-taxoterm above_title\"><a href='https:\/\/www.dmsjuridica.com\/buscador_20179478954\/corteconstitucionalcronologico202454587\/category\/buscar-en-toda-la-corte\/2004\/tutelas-2004\/' title='Tutelas 2004' class='pt-cv-tax-tutelas-2004'>Tutelas 2004<\/a><\/div>\n<h4 class=\"pt-cv-title\"><a href=\"https:\/\/www.dmsjuridica.com\/buscador_20179478954\/corteconstitucionalcronologico202454587\/t-325-04\/\" class=\"_self\" target=\"_self\" >T-325-04<\/a><\/h4>\n<div class=\"pt-cv-content\">\u00a0 \u00a0 Sentencia T-325\/04 \u00a0 DERECHO DE PETICION-Caracter\u00edsticas \u00a0 DERECHO DE PETICION-Entrega de libreta militar \u00a0 Cuando la persona interesada ha cumplido con las condiciones que las autoridades y las normas establecen para obtener un documento p\u00fablico, como ocurre en los casos en los cuales la persona ha cumplido y obtenido el derecho a que le sea entregada la tarjeta militar, ella puede reclamar mediante el derecho de petici\u00f3n que le sea entregado el documento, sin perjuicio de que pueda ejercer otras acciones como las penales y las disciplinarias. \u00a0 LIBRETA MILITAR-Importancia \u00a0 En el sistema jur\u00eddico colombiano la tarjeta ...<br \/><div class=\"pt-cv-rmwrap\"><a href=\"https:\/\/www.dmsjuridica.com\/buscador_20179478954\/corteconstitucionalcronologico202454587\/t-325-04\/\" class=\"_self pt-cv-readmore btn btn-success\" target=\"_self\">Ver Sentencia Completa...<\/a><\/div><\/div><\/div><\/div>\n<div class=\"col-md-12 col-sm-12 col-xs-12 pt-cv-content-item pt-cv-1-col\" ><div class='pt-cv-ifield'><a href=\"https:\/\/www.dmsjuridica.com\/buscador_20179478954\/corteconstitucionalcronologico202454587\/t-324-04\/\" class=\"_self pt-cv-href-thumbnail pt-cv-thumb-default\" target=\"_self\" ><\/a>\n<div class=\"pt-cv-taxoterm above_title\"><a href='https:\/\/www.dmsjuridica.com\/buscador_20179478954\/corteconstitucionalcronologico202454587\/category\/buscar-en-toda-la-corte\/2004\/tutelas-2004\/' title='Tutelas 2004' class='pt-cv-tax-tutelas-2004'>Tutelas 2004<\/a><\/div>\n<h4 class=\"pt-cv-title\"><a href=\"https:\/\/www.dmsjuridica.com\/buscador_20179478954\/corteconstitucionalcronologico202454587\/t-324-04\/\" class=\"_self\" target=\"_self\" >T-324-04<\/a><\/h4>\n<div class=\"pt-cv-content\">\u00a0 \u00a0 Sentencia T-324\/04 \u00a0 PRINCIPIO DEL INTERES SUPERIOR DEL MENOR-Concepto\/PRINCIPIO DEL INTERES SUPERIOR DEL MENOR-Alcance \u00a0 El art\u00edculo 44 introduce en nuestro ordenamiento constitucional el principio de inter\u00e9s supremo del menor, sobre el que esta Corporaci\u00f3n ha manifestado \u201c(...) se trata de un principio de naturaleza constitucional que reconoce a los menores con una caracterizaci\u00f3n jur\u00eddica espec\u00edfica fundada en sus derechos prevalentes y en darles un trato equivalente a esa prelaci\u00f3n, en cuya virtud se los proteja de manera especial, se los defienda ante abusos y se les garantice el desarrollo normal y sano por los aspectos f\u00edsico, sicol\u00f3gico, ...<br \/><div class=\"pt-cv-rmwrap\"><a href=\"https:\/\/www.dmsjuridica.com\/buscador_20179478954\/corteconstitucionalcronologico202454587\/t-324-04\/\" class=\"_self pt-cv-readmore btn btn-success\" target=\"_self\">Ver Sentencia Completa...<\/a><\/div><\/div><\/div><\/div>\n<div class=\"col-md-12 col-sm-12 col-xs-12 pt-cv-content-item pt-cv-1-col\" ><div class='pt-cv-ifield'><a href=\"https:\/\/www.dmsjuridica.com\/buscador_20179478954\/corteconstitucionalcronologico202454587\/t-322-04\/\" class=\"_self pt-cv-href-thumbnail pt-cv-thumb-default\" target=\"_self\" ><\/a>\n<div class=\"pt-cv-taxoterm above_title\"><a href='https:\/\/www.dmsjuridica.com\/buscador_20179478954\/corteconstitucionalcronologico202454587\/category\/buscar-en-toda-la-corte\/2004\/tutelas-2004\/' title='Tutelas 2004' class='pt-cv-tax-tutelas-2004'>Tutelas 2004<\/a><\/div>\n<h4 class=\"pt-cv-title\"><a href=\"https:\/\/www.dmsjuridica.com\/buscador_20179478954\/corteconstitucionalcronologico202454587\/t-322-04\/\" class=\"_self\" target=\"_self\" >T-322-04<\/a><\/h4>\n<div class=\"pt-cv-content\">\u00a0 \u00a0 Sentencia T-322\/04 \u00a0 DERECHO A LA SALUD DEL NI\u00d1O-Fundamental \u00a0 DERECHO A LA SALUD DEL NI\u00d1O-Protecci\u00f3n estatal \u00a0 ACCION DE TUTELA-Carencia actual de objeto y revocatoria de fallos de instancia \u00a0 En el presente caso se super\u00f3 la causa que origin\u00f3 la presentaci\u00f3n de la tutela, luego se hace improcedente la protecci\u00f3n solicitada por no existir un hecho sobre le cual resolver. En casos similares, cuando la pretensi\u00f3n ha sido satisfecha, la jurisprudencia ha sostenido que la acci\u00f3n de tutela pierde eficacia e inmediatez, y por ende, su justificaci\u00f3n constitucional, por lo que el amparo deber\u00e1 negarse. No ...<br \/><div class=\"pt-cv-rmwrap\"><a href=\"https:\/\/www.dmsjuridica.com\/buscador_20179478954\/corteconstitucionalcronologico202454587\/t-322-04\/\" class=\"_self pt-cv-readmore btn btn-success\" target=\"_self\">Ver Sentencia Completa...<\/a><\/div><\/div><\/div><\/div>\n<div class=\"col-md-12 col-sm-12 col-xs-12 pt-cv-content-item pt-cv-1-col\" ><div class='pt-cv-ifield'><a href=\"https:\/\/www.dmsjuridica.com\/buscador_20179478954\/corteconstitucionalcronologico202454587\/t-321-04\/\" class=\"_self pt-cv-href-thumbnail pt-cv-thumb-default\" target=\"_self\" ><\/a>\n<div class=\"pt-cv-taxoterm above_title\"><a href='https:\/\/www.dmsjuridica.com\/buscador_20179478954\/corteconstitucionalcronologico202454587\/category\/buscar-en-toda-la-corte\/2004\/tutelas-2004\/' title='Tutelas 2004' class='pt-cv-tax-tutelas-2004'>Tutelas 2004<\/a><\/div>\n<h4 class=\"pt-cv-title\"><a href=\"https:\/\/www.dmsjuridica.com\/buscador_20179478954\/corteconstitucionalcronologico202454587\/t-321-04\/\" class=\"_self\" target=\"_self\" >T-321-04<\/a><\/h4>\n<div class=\"pt-cv-content\">\u00a0 \u00a0 Sentencia T-321\/04 \u00a0 ACCION DE TUTELA CONTRA ENTIDAD FINANCIERA-Procedencia por prestaci\u00f3n de servicio p\u00fablico \u00a0 HIPOTECA ABIERTA-Concepto\/ACCION DE TUTELA CONTRA ENTIDAD FINANCIERA Y DEBIDO PROCESO-Improcedencia por no vulneraci\u00f3n \u00a0 La hipoteca constituida por la peticionaria de tutela es abierta, como se indic\u00f3, lo cual significa que ella garantiza no s\u00f3lo la obligaci\u00f3n que se pag\u00f3 en su totalidad, sino tambi\u00e9n otras obligaciones a cargo de la misma deudora, entre las cuales se encuentra la obligaci\u00f3n en mora que el mismo banco cobra en el Juzgado 39 Civil del Circuito de Bogot\u00e1, aunque esta \u00faltima est\u00e9 amparada a la ...<br \/><div class=\"pt-cv-rmwrap\"><a href=\"https:\/\/www.dmsjuridica.com\/buscador_20179478954\/corteconstitucionalcronologico202454587\/t-321-04\/\" class=\"_self pt-cv-readmore btn btn-success\" target=\"_self\">Ver Sentencia Completa...<\/a><\/div><\/div><\/div><\/div>\n<div class=\"col-md-12 col-sm-12 col-xs-12 pt-cv-content-item pt-cv-1-col\" ><div class='pt-cv-ifield'><a href=\"https:\/\/www.dmsjuridica.com\/buscador_20179478954\/corteconstitucionalcronologico202454587\/t-320-04\/\" class=\"_self pt-cv-href-thumbnail pt-cv-thumb-default\" target=\"_self\" ><\/a>\n<div class=\"pt-cv-taxoterm above_title\"><a href='https:\/\/www.dmsjuridica.com\/buscador_20179478954\/corteconstitucionalcronologico202454587\/category\/buscar-en-toda-la-corte\/2004\/tutelas-2004\/' title='Tutelas 2004' class='pt-cv-tax-tutelas-2004'>Tutelas 2004<\/a><\/div>\n<h4 class=\"pt-cv-title\"><a href=\"https:\/\/www.dmsjuridica.com\/buscador_20179478954\/corteconstitucionalcronologico202454587\/t-320-04\/\" class=\"_self\" target=\"_self\" >T-320-04<\/a><\/h4>\n<div class=\"pt-cv-content\">\u00a0 \u00a0 Sentencia T-320\/04 \u00a0 ACCION DE TUTELA CONTRA PROVIDENCIAS JUDICIALES-Procedencia excepcional \u00a0 VIA DE HECHO JUDICIAL-Clases de defectos en la actuaci\u00f3n \u00a0 ACCION DE TUTELA CONTRA PROVIDENCIAS JUDICIALES-Improcedencia por existencia de mecanismo de defensa judicial\/ACCION DE TUTELA CONTRA PROVIDENCIAS JUDICIALES Y RECURSO DE CASACION-Improcedencia por desistimiento de \u00e9ste cuando la tutela se encontraba en tr\u00e1mite de revisi\u00f3n \u00a0 Es claro para la Sala que la existencia de otro medio de defensa - el recurso de casaci\u00f3n- era plenamente conocida por el peticionario, tanto que hizo uso del mismo para obtener la protecci\u00f3n de los derechos que consideraba violados, pero ...<br \/><div class=\"pt-cv-rmwrap\"><a href=\"https:\/\/www.dmsjuridica.com\/buscador_20179478954\/corteconstitucionalcronologico202454587\/t-320-04\/\" class=\"_self pt-cv-readmore btn btn-success\" target=\"_self\">Ver Sentencia Completa...<\/a><\/div><\/div><\/div><\/div>\n<div class=\"col-md-12 col-sm-12 col-xs-12 pt-cv-content-item pt-cv-1-col\" ><div class='pt-cv-ifield'><a href=\"https:\/\/www.dmsjuridica.com\/buscador_20179478954\/corteconstitucionalcronologico202454587\/t-319-04\/\" class=\"_self pt-cv-href-thumbnail pt-cv-thumb-default\" target=\"_self\" ><\/a>\n<div class=\"pt-cv-taxoterm above_title\"><a href='https:\/\/www.dmsjuridica.com\/buscador_20179478954\/corteconstitucionalcronologico202454587\/category\/buscar-en-toda-la-corte\/2004\/tutelas-2004\/' title='Tutelas 2004' class='pt-cv-tax-tutelas-2004'>Tutelas 2004<\/a><\/div>\n<h4 class=\"pt-cv-title\"><a href=\"https:\/\/www.dmsjuridica.com\/buscador_20179478954\/corteconstitucionalcronologico202454587\/t-319-04\/\" class=\"_self\" target=\"_self\" >T-319-04<\/a><\/h4>\n<div class=\"pt-cv-content\">DERECHO A LA SALUD-Pr\u00e1ctica de examen de diagn\u00f3stico no incluido en el POS\/DERECHO A LA SALUD-Suministro de medicamento no incluido en POS\/DERECHO A LA SALUD-Suministro de tratamiento de sesiones de fisioterapia \u00a0 En esta oportunidad, el accionante cumple con todos los requisitos que la jurisprudencia constitucional ha desarrollado para que por medio de la acci\u00f3n de tutela se pueda ordenar la pr\u00e1ctica de un examen de diagn\u00f3stico no contenido en el P.O.S. En efecto, esta probado que (i) se trata de un examen necesario para el paciente (sobre este punto se pronunciar\u00e1 esta Sala a continuaci\u00f3n); (ii) no est\u00e1 probado ...<br \/><div class=\"pt-cv-rmwrap\"><a href=\"https:\/\/www.dmsjuridica.com\/buscador_20179478954\/corteconstitucionalcronologico202454587\/t-319-04\/\" class=\"_self pt-cv-readmore btn btn-success\" target=\"_self\">Ver Sentencia Completa...<\/a><\/div><\/div><\/div><\/div>\n<div class=\"col-md-12 col-sm-12 col-xs-12 pt-cv-content-item pt-cv-1-col\" ><div class='pt-cv-ifield'><a href=\"https:\/\/www.dmsjuridica.com\/buscador_20179478954\/corteconstitucionalcronologico202454587\/t-318-04\/\" class=\"_self pt-cv-href-thumbnail pt-cv-thumb-default\" target=\"_self\" ><\/a>\n<div class=\"pt-cv-taxoterm above_title\"><a href='https:\/\/www.dmsjuridica.com\/buscador_20179478954\/corteconstitucionalcronologico202454587\/category\/buscar-en-toda-la-corte\/2004\/tutelas-2004\/' title='Tutelas 2004' class='pt-cv-tax-tutelas-2004'>Tutelas 2004<\/a><\/div>\n<h4 class=\"pt-cv-title\"><a href=\"https:\/\/www.dmsjuridica.com\/buscador_20179478954\/corteconstitucionalcronologico202454587\/t-318-04\/\" class=\"_self\" target=\"_self\" >T-318-04<\/a><\/h4>\n<div class=\"pt-cv-content\">\u00a0 \u00a0 Sentencia T-318\/04 \u00a0 PROCESO DE PERTENENCIA-Existencia de maniobra fraudulenta por haber dirigido demanda contra persona fallecida \u00a0 ACCION DE TUTELA CONTRA ACCIONES U OMISIONES JUDICIALES-Procedencia \u00a0 VIA DE HECHO-Clases de defectos \u00a0 La jurisprudencia ha indicado en varias oportunidades los casos excepcionales en que el amparo procede la acci\u00f3n de tutela, indicando que se configura una v\u00eda de hecho cuando se presenta, al menos, uno de los siguientes vicios o defectos protuberantes: (1) defecto sustantivo, que se produce cuando la decisi\u00f3n controvertida se funda en una norma indiscutiblemente inaplicable; (2) defecto f\u00e1ctico, que ocurre cuando resulta indudable que ...<br \/><div class=\"pt-cv-rmwrap\"><a href=\"https:\/\/www.dmsjuridica.com\/buscador_20179478954\/corteconstitucionalcronologico202454587\/t-318-04\/\" class=\"_self pt-cv-readmore btn btn-success\" target=\"_self\">Ver Sentencia Completa...<\/a><\/div><\/div><\/div><\/div>\n<div class=\"col-md-12 col-sm-12 col-xs-12 pt-cv-content-item pt-cv-1-col\" ><div class='pt-cv-ifield'><a href=\"https:\/\/www.dmsjuridica.com\/buscador_20179478954\/corteconstitucionalcronologico202454587\/t-317-04\/\" class=\"_self pt-cv-href-thumbnail pt-cv-thumb-default\" target=\"_self\" ><\/a>\n<div class=\"pt-cv-taxoterm above_title\"><a href='https:\/\/www.dmsjuridica.com\/buscador_20179478954\/corteconstitucionalcronologico202454587\/category\/buscar-en-toda-la-corte\/2004\/tutelas-2004\/' title='Tutelas 2004' class='pt-cv-tax-tutelas-2004'>Tutelas 2004<\/a><\/div>\n<h4 class=\"pt-cv-title\"><a href=\"https:\/\/www.dmsjuridica.com\/buscador_20179478954\/corteconstitucionalcronologico202454587\/t-317-04\/\" class=\"_self\" target=\"_self\" >T-317-04<\/a><\/h4>\n<div class=\"pt-cv-content\">\u00a0 \u00a0 Sentencia T-317\/04 \u00a0 PENSION DE INVALIDEZ-Orden a la Junta Regional de Calificaci\u00f3n de invalidez para realizar evaluaci\u00f3n \u00a0 La Sala ordenar\u00e1 a la Junta Regional de Calificaci\u00f3n de Invalidez de Cartagena realizar dicha evaluaci\u00f3n. Dado que, como lo ha reconocido esta corporaci\u00f3n en varias sentencias, las actividades de las juntas de calificaci\u00f3n de invalidez se encuentran sujetas a remuneraci\u00f3n econ\u00f3mica, los costos de tal evaluaci\u00f3n estar\u00e1n a cargo del municipio de San Benito Abad, ya que, tal como obra en el expediente, dicho municipio no hizo los aportes para seguridad social, y seg\u00fan el Decreto 1848 de 1969, ...<br \/><div class=\"pt-cv-rmwrap\"><a href=\"https:\/\/www.dmsjuridica.com\/buscador_20179478954\/corteconstitucionalcronologico202454587\/t-317-04\/\" class=\"_self pt-cv-readmore btn btn-success\" target=\"_self\">Ver Sentencia Completa...<\/a><\/div><\/div><\/div><\/div>\n<div class=\"col-md-12 col-sm-12 col-xs-12 pt-cv-content-item pt-cv-1-col\" ><div class='pt-cv-ifield'><a href=\"https:\/\/www.dmsjuridica.com\/buscador_20179478954\/corteconstitucionalcronologico202454587\/t-304-04\/\" class=\"_self pt-cv-href-thumbnail pt-cv-thumb-default\" target=\"_self\" ><\/a>\n<div class=\"pt-cv-taxoterm above_title\"><a href='https:\/\/www.dmsjuridica.com\/buscador_20179478954\/corteconstitucionalcronologico202454587\/category\/buscar-en-toda-la-corte\/2004\/tutelas-2004\/' title='Tutelas 2004' class='pt-cv-tax-tutelas-2004'>Tutelas 2004<\/a><\/div>\n<h4 class=\"pt-cv-title\"><a href=\"https:\/\/www.dmsjuridica.com\/buscador_20179478954\/corteconstitucionalcronologico202454587\/t-304-04\/\" class=\"_self\" target=\"_self\" >T-304-04<\/a><\/h4>\n<div class=\"pt-cv-content\">\u00a0 \u00a0 Sentencia T-304\/04 \u00a0 MUJER EMBARAZADA-Protecci\u00f3n constitucional especial \u00a0 LICENCIA DE MATERNIDAD-Procedencia excepcional de tutela para el pago\/LICENCIA DE MATERNIDAD-Pago por tutela cuando afecta el m\u00ednimo vital de la madre y sus hijas gemelas \u00a0 LICENCIA DE MATERNIDAD-Objeto \u00a0 LICENCIA DE MATERNIDAD-Procede la tutela a\u00fan cuando exista discusi\u00f3n sobre si la madre ha cotizado o no durante todo el periodo de gestaci\u00f3n\/LICENCIA DE MATERNIDAD-Pago por tutela cuando afecta el m\u00ednimo vital de la madre y su hijo \u00a0 Las empresas promotoras de salud o el empleador, seg\u00fan sea el caso, est\u00e1n obligados a reconocer y pagar la licencia por ...<br \/><div class=\"pt-cv-rmwrap\"><a href=\"https:\/\/www.dmsjuridica.com\/buscador_20179478954\/corteconstitucionalcronologico202454587\/t-304-04\/\" class=\"_self pt-cv-readmore btn btn-success\" target=\"_self\">Ver Sentencia Completa...<\/a><\/div><\/div><\/div><\/div>\n<div class=\"col-md-12 col-sm-12 col-xs-12 pt-cv-content-item pt-cv-1-col\" ><div class='pt-cv-ifield'><a href=\"https:\/\/www.dmsjuridica.com\/buscador_20179478954\/corteconstitucionalcronologico202454587\/t-303-04\/\" class=\"_self pt-cv-href-thumbnail pt-cv-thumb-default\" target=\"_self\" ><\/a>\n<div class=\"pt-cv-taxoterm above_title\"><a href='https:\/\/www.dmsjuridica.com\/buscador_20179478954\/corteconstitucionalcronologico202454587\/category\/buscar-en-toda-la-corte\/2004\/tutelas-2004\/' title='Tutelas 2004' class='pt-cv-tax-tutelas-2004'>Tutelas 2004<\/a><\/div>\n<h4 class=\"pt-cv-title\"><a href=\"https:\/\/www.dmsjuridica.com\/buscador_20179478954\/corteconstitucionalcronologico202454587\/t-303-04\/\" class=\"_self\" target=\"_self\" >T-303-04<\/a><\/h4>\n<div class=\"pt-cv-content\">\u00a0 \u00a0 Sentencia T-303\/04 \u00a0 ACCION DE TUTELA-Procedencia excepcional pago de acreencias laborales\/DERECHO AL MINIMO VITAL DEL PENSIONADO-Pago oportuno de mesadas \u00a0 Reiteraci\u00f3n de Jurisprudencia \u00a0 Referencia: expedientes T-827366 y T-827367 \u00a0 Acciones de tutela instauradas por Rosana Fl\u00f3rez Bol\u00edvar y Marina Uribe Centeno contra la E.S.E. Hospital San Juan de Dios de San Gil (Santander). \u00a0 Magistrado Ponente: \u00a0 Dr. JAIME ARA\u00daJO RENTER\u00cdA \u00a0 Bogot\u00e1 D. C., veintinueve (29) de marzo de dos mil cuatro (2004). \u00a0 La Sala Primera de Revisi\u00f3n de la Corte Constitucional, integrada por los Magistrados JAIME ARAUJO RENTER\u00cdA, ALFREDO BELTR\u00c1N SIERRA y MANUEL JOS\u00c9 ...<br \/><div class=\"pt-cv-rmwrap\"><a href=\"https:\/\/www.dmsjuridica.com\/buscador_20179478954\/corteconstitucionalcronologico202454587\/t-303-04\/\" class=\"_self pt-cv-readmore btn btn-success\" target=\"_self\">Ver Sentencia Completa...<\/a><\/div><\/div><\/div><\/div>\n<div class=\"col-md-12 col-sm-12 col-xs-12 pt-cv-content-item pt-cv-1-col\" ><div class='pt-cv-ifield'><a href=\"https:\/\/www.dmsjuridica.com\/buscador_20179478954\/corteconstitucionalcronologico202454587\/t-302-04\/\" class=\"_self pt-cv-href-thumbnail pt-cv-thumb-default\" target=\"_self\" ><\/a>\n<div class=\"pt-cv-taxoterm above_title\"><a href='https:\/\/www.dmsjuridica.com\/buscador_20179478954\/corteconstitucionalcronologico202454587\/category\/buscar-en-toda-la-corte\/2004\/tutelas-2004\/' title='Tutelas 2004' class='pt-cv-tax-tutelas-2004'>Tutelas 2004<\/a><\/div>\n<h4 class=\"pt-cv-title\"><a href=\"https:\/\/www.dmsjuridica.com\/buscador_20179478954\/corteconstitucionalcronologico202454587\/t-302-04\/\" class=\"_self\" target=\"_self\" >T-302-04<\/a><\/h4>\n<div class=\"pt-cv-content\">\u00a0 \u00a0 Sentencia T-302\/04 \u00a0 ACCION DE TUTELA-Hecho superado por pago de acreencias laborales \u00a0 Reiteraci\u00f3n de Jurisprudencia \u00a0 \u00a0 Referencia: expediente T-769951 \u00a0 Acci\u00f3n de tutela instaurada por Luis Alfonso M\u00e9ndez contra la Industria Colombiana de Artefactos S.A. \u2013 ICASA-. \u00a0 Magistrado Ponente: \u00a0 Dr. JAIME ARAUJO RENTER\u00cdA \u00a0 Bogot\u00e1, D. C., veintinueve (29) de marzo de dos mil cuatro (2004). \u00a0 La Sala Primera de Revisi\u00f3n de Tutelas de la Corte Constitucional, integrada por los Magistrados ALFREDO BELTR\u00c1N SIERRA, MANUEL JOS\u00c9 CEPEDA ESPINOSA y JAIME ARAUJO RENTER\u00cdA, en ejercicio de sus competencias constitucionales y legales, ha proferido la ...<br \/><div class=\"pt-cv-rmwrap\"><a href=\"https:\/\/www.dmsjuridica.com\/buscador_20179478954\/corteconstitucionalcronologico202454587\/t-302-04\/\" class=\"_self pt-cv-readmore btn btn-success\" target=\"_self\">Ver Sentencia Completa...<\/a><\/div><\/div><\/div><\/div>\n<div class=\"col-md-12 col-sm-12 col-xs-12 pt-cv-content-item pt-cv-1-col\" ><div class='pt-cv-ifield'><a href=\"https:\/\/www.dmsjuridica.com\/buscador_20179478954\/corteconstitucionalcronologico202454587\/t-301-04\/\" class=\"_self pt-cv-href-thumbnail pt-cv-thumb-default\" target=\"_self\" ><\/a>\n<div class=\"pt-cv-taxoterm above_title\"><a href='https:\/\/www.dmsjuridica.com\/buscador_20179478954\/corteconstitucionalcronologico202454587\/category\/buscar-en-toda-la-corte\/2004\/tutelas-2004\/' title='Tutelas 2004' class='pt-cv-tax-tutelas-2004'>Tutelas 2004<\/a><\/div>\n<h4 class=\"pt-cv-title\"><a href=\"https:\/\/www.dmsjuridica.com\/buscador_20179478954\/corteconstitucionalcronologico202454587\/t-301-04\/\" class=\"_self\" target=\"_self\" >T-301-04<\/a><\/h4>\n<div class=\"pt-cv-content\">\u00a0 \u00a0 Sentencia T-301\/04 \u00a0 DERECHO A LA IGUALDAD Y TEST DE PROPORCIONALIDAD-Modelo de an\u00e1lisis \u00a0 A fin de determinar si el trato discriminatorio vulnera el derecho fundamental a la igualdad, la Corte ha elaborado un modelo de an\u00e1lisis que integra el juicio de proporcionalidad y el test de igualdad. El operador jur\u00eddico debe, entonces, estudiar si la medida (i) es adecuada, en tanto persiga la obtenci\u00f3n de un fin constitucionalmente v\u00e1lido; (ii) si es necesaria, en tanto no exista otra forma de obtener el mismo resultado con un sacrifico menor de principios constitucionales y que tenga la virtud de ...<br \/><div class=\"pt-cv-rmwrap\"><a href=\"https:\/\/www.dmsjuridica.com\/buscador_20179478954\/corteconstitucionalcronologico202454587\/t-301-04\/\" class=\"_self pt-cv-readmore btn btn-success\" target=\"_self\">Ver Sentencia Completa...<\/a><\/div><\/div><\/div><\/div>\n<div class=\"col-md-12 col-sm-12 col-xs-12 pt-cv-content-item pt-cv-1-col\" ><div class='pt-cv-ifield'><a href=\"https:\/\/www.dmsjuridica.com\/buscador_20179478954\/corteconstitucionalcronologico202454587\/t-300-04\/\" class=\"_self pt-cv-href-thumbnail pt-cv-thumb-default\" target=\"_self\" ><\/a>\n<div class=\"pt-cv-taxoterm above_title\"><a href='https:\/\/www.dmsjuridica.com\/buscador_20179478954\/corteconstitucionalcronologico202454587\/category\/buscar-en-toda-la-corte\/2004\/tutelas-2004\/' title='Tutelas 2004' class='pt-cv-tax-tutelas-2004'>Tutelas 2004<\/a><\/div>\n<h4 class=\"pt-cv-title\"><a href=\"https:\/\/www.dmsjuridica.com\/buscador_20179478954\/corteconstitucionalcronologico202454587\/t-300-04\/\" class=\"_self\" target=\"_self\" >T-300-04<\/a><\/h4>\n<div class=\"pt-cv-content\">\u00a0 \u00a0 Sentencia T-300\/04 \u00a0 El derecho a la informaci\u00f3n como derecho fundamental, (i) est\u00e1 reconocido como tal en una disposici\u00f3n constitucional (art. 20 de la CN); (ii) su \u00e1mbito de protecci\u00f3n no se restringe a la facultad de la difusi\u00f3n masiva, asociada al uso de los medios de comunicaci\u00f3n (internet, televisi\u00f3n, radio, prensa, etc.), sino que incorpora otros \u00e1mbitos de protecci\u00f3n, si se quiere, de tipo privado; (iii) es un derecho complejo, incorpora obligaciones asociadas a la protecci\u00f3n del inter\u00e9s p\u00fablico, las instituciones democr\u00e1ticas y el control del poder pol\u00edtico, pero tambi\u00e9n obligaciones asociadas al inter\u00e9s privado, al ejercicio ...<br \/><div class=\"pt-cv-rmwrap\"><a href=\"https:\/\/www.dmsjuridica.com\/buscador_20179478954\/corteconstitucionalcronologico202454587\/t-300-04\/\" class=\"_self pt-cv-readmore btn btn-success\" target=\"_self\">Ver Sentencia Completa...<\/a><\/div><\/div><\/div><\/div>\n<div class=\"col-md-12 col-sm-12 col-xs-12 pt-cv-content-item pt-cv-1-col\" ><div class='pt-cv-ifield'><a href=\"https:\/\/www.dmsjuridica.com\/buscador_20179478954\/corteconstitucionalcronologico202454587\/t-299-04\/\" class=\"_self pt-cv-href-thumbnail pt-cv-thumb-default\" target=\"_self\" ><\/a>\n<div class=\"pt-cv-taxoterm above_title\"><a href='https:\/\/www.dmsjuridica.com\/buscador_20179478954\/corteconstitucionalcronologico202454587\/category\/buscar-en-toda-la-corte\/2004\/tutelas-2004\/' title='Tutelas 2004' class='pt-cv-tax-tutelas-2004'>Tutelas 2004<\/a><\/div>\n<h4 class=\"pt-cv-title\"><a href=\"https:\/\/www.dmsjuridica.com\/buscador_20179478954\/corteconstitucionalcronologico202454587\/t-299-04\/\" class=\"_self\" target=\"_self\" >T-299-04<\/a><\/h4>\n<div class=\"pt-cv-content\">\u00a0 \u00a0 Sentencia T-299\/04 \u00a0 SENTENCIA DE TUTELA EN INSTANCIA-Carencia de fundamentaci\u00f3n legal y f\u00e1ctica \u00a0 En el presente asunto la Corte advierte que la sentencia del juez de instancia adolece de fundamentaci\u00f3n tanto legal como f\u00e1ctica. F\u00e1ctica, en la medida en que sin que existiesen elementos de juicio suficientes en el expediente, el juez decidi\u00f3, seg\u00fan su parecer, que el m\u00e9dico tratante no hab\u00eda considerado de especial importancia el medicamento insulina NPH, y que de todas formas, el actor contaba con el suministro del medicamento insulina cristalina. Esta presunci\u00f3n del juez llev\u00f3, seg\u00fan los informes recabados por la Corte, ...<br \/><div class=\"pt-cv-rmwrap\"><a href=\"https:\/\/www.dmsjuridica.com\/buscador_20179478954\/corteconstitucionalcronologico202454587\/t-299-04\/\" class=\"_self pt-cv-readmore btn btn-success\" target=\"_self\">Ver Sentencia Completa...<\/a><\/div><\/div><\/div><\/div>\n<div class=\"col-md-12 col-sm-12 col-xs-12 pt-cv-content-item pt-cv-1-col\" ><div class='pt-cv-ifield'><a href=\"https:\/\/www.dmsjuridica.com\/buscador_20179478954\/corteconstitucionalcronologico202454587\/t-298-04\/\" class=\"_self pt-cv-href-thumbnail pt-cv-thumb-default\" target=\"_self\" ><\/a>\n<div class=\"pt-cv-taxoterm above_title\"><a href='https:\/\/www.dmsjuridica.com\/buscador_20179478954\/corteconstitucionalcronologico202454587\/category\/buscar-en-toda-la-corte\/2004\/tutelas-2004\/' title='Tutelas 2004' class='pt-cv-tax-tutelas-2004'>Tutelas 2004<\/a><\/div>\n<h4 class=\"pt-cv-title\"><a href=\"https:\/\/www.dmsjuridica.com\/buscador_20179478954\/corteconstitucionalcronologico202454587\/t-298-04\/\" class=\"_self\" target=\"_self\" >T-298-04<\/a><\/h4>\n<div class=\"pt-cv-content\">\u00a0 \u00a0 Sentencia T-298\/04 \u00a0 ACCION DE TUTELA-Objeto \u00a0 El juez de instancia yerra al sostener que la acci\u00f3n de tutela tiene por objeto exclusivo hechos y que le est\u00e1 vedado al juez de tutela pronunciarse sobre leyes. Con todo, podr\u00eda entenderse la afirmaci\u00f3n del juez en el sentido de que est\u00e1 excluida de la acci\u00f3n de tutela el control de constitucionalidad de Leyes de la Rep\u00fablica, pues para ello est\u00e1 instituida la acci\u00f3n p\u00fablica de inconstitucionalidad. \u00a0 EXCEPCION DE INCONSTITUCIONALIDAD-Deber de aplicarla \u00a0 La Corte ha se\u00f1alado, adem\u00e1s, que los jueces de la Rep\u00fablica tienen el deber de aplicar ...<br \/><div class=\"pt-cv-rmwrap\"><a href=\"https:\/\/www.dmsjuridica.com\/buscador_20179478954\/corteconstitucionalcronologico202454587\/t-298-04\/\" class=\"_self pt-cv-readmore btn btn-success\" target=\"_self\">Ver Sentencia Completa...<\/a><\/div><\/div><\/div><\/div>\n<div class=\"col-md-12 col-sm-12 col-xs-12 pt-cv-content-item pt-cv-1-col\" ><div class='pt-cv-ifield'><a href=\"https:\/\/www.dmsjuridica.com\/buscador_20179478954\/corteconstitucionalcronologico202454587\/t-297-04\/\" class=\"_self pt-cv-href-thumbnail pt-cv-thumb-default\" target=\"_self\" ><\/a>\n<div class=\"pt-cv-taxoterm above_title\"><a href='https:\/\/www.dmsjuridica.com\/buscador_20179478954\/corteconstitucionalcronologico202454587\/category\/buscar-en-toda-la-corte\/2004\/tutelas-2004\/' title='Tutelas 2004' class='pt-cv-tax-tutelas-2004'>Tutelas 2004<\/a><\/div>\n<h4 class=\"pt-cv-title\"><a href=\"https:\/\/www.dmsjuridica.com\/buscador_20179478954\/corteconstitucionalcronologico202454587\/t-297-04\/\" class=\"_self\" target=\"_self\" >T-297-04<\/a><\/h4>\n<div class=\"pt-cv-content\">\u00a0 \u00a0 Sentencia T-297\/04 \u00a0 AUTONOMIA UNIVERSITARIA-Definici\u00f3n de criterios y sistema de calificaci\u00f3n de estudiantes \u00a0 AUTONOMIA UNIVERSITARIA-Exigencia de requisitos que garanticen la mejor calidad de educaci\u00f3n \u00a0 AUTONOMIA UNIVERSITARIA-Libertad de exigir pruebas de conocimiento, preparatorios, cursos e idiomas \u00a0 ABOGADO-Posibilidad de las universidades de exigir mayores requisitos para obtener el grado \u00a0 UNIVERSIDAD-Fijaci\u00f3n de ex\u00e1menes preparatorios para obtener t\u00edtulo de abogado \u00a0 DERECHO A LA EDUCACION-Implica el deber de cumplir los reglamentos educativos \u00a0 Referencia: expedientes T-826623, T-826624, T-826625, T-826626, T-826628, T-826629, T-827189, T-827555, T-828332, T-828333, T-828334, T-829654, T-829655 y T-832218. \u00a0 Peticionarios: M\u00f3nica Andrea Romo L\u00f3pez y otros ...<br \/><div class=\"pt-cv-rmwrap\"><a href=\"https:\/\/www.dmsjuridica.com\/buscador_20179478954\/corteconstitucionalcronologico202454587\/t-297-04\/\" class=\"_self pt-cv-readmore btn btn-success\" target=\"_self\">Ver Sentencia Completa...<\/a><\/div><\/div><\/div><\/div>\n<div class=\"col-md-12 col-sm-12 col-xs-12 pt-cv-content-item pt-cv-1-col\" ><div class='pt-cv-ifield'><a href=\"https:\/\/www.dmsjuridica.com\/buscador_20179478954\/corteconstitucionalcronologico202454587\/t-296-04\/\" class=\"_self pt-cv-href-thumbnail pt-cv-thumb-default\" target=\"_self\" ><\/a>\n<div class=\"pt-cv-taxoterm above_title\"><a href='https:\/\/www.dmsjuridica.com\/buscador_20179478954\/corteconstitucionalcronologico202454587\/category\/buscar-en-toda-la-corte\/2004\/tutelas-2004\/' title='Tutelas 2004' class='pt-cv-tax-tutelas-2004'>Tutelas 2004<\/a><\/div>\n<h4 class=\"pt-cv-title\"><a href=\"https:\/\/www.dmsjuridica.com\/buscador_20179478954\/corteconstitucionalcronologico202454587\/t-296-04\/\" class=\"_self\" target=\"_self\" >T-296-04<\/a><\/h4>\n<div class=\"pt-cv-content\">\u00a0 \u00a0 Sentencia T-296\/04 \u00a0 DERECHO DE PETICION-Debe presentarse solicitud del carnet del SISBEN\/DERECHO A LA SALUD-Entrega del carnet del SISBEN \u00a0 Antes de alegar la vulneraci\u00f3n del derecho fundamental de petici\u00f3n debe haberse presentado la solicitud con el cumplimiento de los requisitos legales y poderse demostrar su recibo por parte de la autoridad correspondiente, en el tr\u00e1mite constitucional de tutela, lo cual como no ocurri\u00f3 en el presente asunto permite que se confirmen en este punto las decisiones de instancia que denegaron la acci\u00f3n de tutela propuesta. \u00a0 DERECHO A LA SALUD-Personas en circunstancias de debilidad manifiesta \u00a0 Los ...<br \/><div class=\"pt-cv-rmwrap\"><a href=\"https:\/\/www.dmsjuridica.com\/buscador_20179478954\/corteconstitucionalcronologico202454587\/t-296-04\/\" class=\"_self pt-cv-readmore btn btn-success\" target=\"_self\">Ver Sentencia Completa...<\/a><\/div><\/div><\/div><\/div>\n<div class=\"col-md-12 col-sm-12 col-xs-12 pt-cv-content-item pt-cv-1-col\" ><div class='pt-cv-ifield'><a href=\"https:\/\/www.dmsjuridica.com\/buscador_20179478954\/corteconstitucionalcronologico202454587\/t-295-04\/\" class=\"_self pt-cv-href-thumbnail pt-cv-thumb-default\" target=\"_self\" ><\/a>\n<div class=\"pt-cv-taxoterm above_title\"><a href='https:\/\/www.dmsjuridica.com\/buscador_20179478954\/corteconstitucionalcronologico202454587\/category\/buscar-en-toda-la-corte\/2004\/tutelas-2004\/' title='Tutelas 2004' class='pt-cv-tax-tutelas-2004'>Tutelas 2004<\/a><\/div>\n<h4 class=\"pt-cv-title\"><a href=\"https:\/\/www.dmsjuridica.com\/buscador_20179478954\/corteconstitucionalcronologico202454587\/t-295-04\/\" class=\"_self\" target=\"_self\" >T-295-04<\/a><\/h4>\n<div class=\"pt-cv-content\">\u00a0 \u00a0 Sentencia T-295\/04 \u00a0 CAPACIDAD ECONOMICA-Prueba en caso de estudiante \u00a0 Es claro que ni el accionante ni su familia, probaron ante el juez de instancia o ante el Colegio, la imposibilidad de pago, ni la situaci\u00f3n econ\u00f3mica dif\u00edcil por la que estaban atravesando, por el contrario, suscribieron el contrato de matr\u00edcula sin advertencia alguna. Esta Corporaci\u00f3n reiteradamente ha sostenido que es indispensable acreditar ante el juez de tutela, el hecho que afecte econ\u00f3micamente al proveedor de la familia, por ejemplo, (i) a trav\u00e9s de la demostraci\u00f3n de la p\u00e9rdida del empleo mediante una carta de despido, o (ii) ...<br \/><div class=\"pt-cv-rmwrap\"><a href=\"https:\/\/www.dmsjuridica.com\/buscador_20179478954\/corteconstitucionalcronologico202454587\/t-295-04\/\" class=\"_self pt-cv-readmore btn btn-success\" target=\"_self\">Ver Sentencia Completa...<\/a><\/div><\/div><\/div><\/div>\n<div class=\"col-md-12 col-sm-12 col-xs-12 pt-cv-content-item pt-cv-1-col\" ><div class='pt-cv-ifield'><a href=\"https:\/\/www.dmsjuridica.com\/buscador_20179478954\/corteconstitucionalcronologico202454587\/t-294-04\/\" class=\"_self pt-cv-href-thumbnail pt-cv-thumb-default\" target=\"_self\" ><\/a>\n<div class=\"pt-cv-taxoterm above_title\"><a href='https:\/\/www.dmsjuridica.com\/buscador_20179478954\/corteconstitucionalcronologico202454587\/category\/buscar-en-toda-la-corte\/2004\/tutelas-2004\/' title='Tutelas 2004' class='pt-cv-tax-tutelas-2004'>Tutelas 2004<\/a><\/div>\n<h4 class=\"pt-cv-title\"><a href=\"https:\/\/www.dmsjuridica.com\/buscador_20179478954\/corteconstitucionalcronologico202454587\/t-294-04\/\" class=\"_self\" target=\"_self\" >T-294-04<\/a><\/h4>\n<div class=\"pt-cv-content\">\u00a0 \u00a0 Sentencia T-294\/04 \u00a0 LEGITIMACION POR ACTIVA EN TUTELA-Director del Damarena \u00a0 Esta Sala no encuentra problema alguno de legitimidad en lo referente a la interposici\u00f3n de la acci\u00f3n de tutela encaminada a proteger los derechos fundamentales de la entidad de la cual es director el accionante. En este caso, el Damarena, siendo la entidad distrital responsable de la protecci\u00f3n ambiental dentro del per\u00edmetro urbano de Cartagena, se encuentra legitimada por activa, en virtud del art\u00edculo 86 de la Constituci\u00f3n Pol\u00edtica y el art\u00edculo 10\u00b0 del Decreto 2591 de 1991. \u00a0 AGENCIA OFICIOSA EN TUTELA-Elementos que deben configurarse \u00a0 ...<br \/><div class=\"pt-cv-rmwrap\"><a href=\"https:\/\/www.dmsjuridica.com\/buscador_20179478954\/corteconstitucionalcronologico202454587\/t-294-04\/\" class=\"_self pt-cv-readmore btn btn-success\" target=\"_self\">Ver Sentencia Completa...<\/a><\/div><\/div><\/div><\/div>\n<div class=\"col-md-12 col-sm-12 col-xs-12 pt-cv-content-item pt-cv-1-col\" ><div class='pt-cv-ifield'><a href=\"https:\/\/www.dmsjuridica.com\/buscador_20179478954\/corteconstitucionalcronologico202454587\/t-293-04\/\" class=\"_self pt-cv-href-thumbnail pt-cv-thumb-default\" target=\"_self\" ><\/a>\n<div class=\"pt-cv-taxoterm above_title\"><a href='https:\/\/www.dmsjuridica.com\/buscador_20179478954\/corteconstitucionalcronologico202454587\/category\/buscar-en-toda-la-corte\/2004\/tutelas-2004\/' title='Tutelas 2004' class='pt-cv-tax-tutelas-2004'>Tutelas 2004<\/a><\/div>\n<h4 class=\"pt-cv-title\"><a href=\"https:\/\/www.dmsjuridica.com\/buscador_20179478954\/corteconstitucionalcronologico202454587\/t-293-04\/\" class=\"_self\" target=\"_self\" >T-293-04<\/a><\/h4>\n<div class=\"pt-cv-content\">\u00a0 \u00a0 Sentencia T-293\/04 \u00a0 ACCION DE TUTELA-Hecho superado por pago de ex\u00e1menes m\u00e9dicos y compra de medicamentos\/ACCION DE TUTELA-Improcedencia excepcional reembolso de dineros por asunci\u00f3n de costos m\u00e9dicos \u00a0 DERECHO A LA SALUD DE MENOR DE EDAD DISCAPACITADO-Protecci\u00f3n especial \u00a0 Es claro que existe una clara descoordinaci\u00f3n administrativa en cuanto a la clasificaci\u00f3n socioecon\u00f3mica del peticionario, a cuya hija se ha prestado en algunas ocasiones el servicio de salud que requiere bajo el r\u00e9gimen subsidiado, y en otras ocasiones se le ha denegado, alegando que pertenece a otro nivel. La Sala considera necesario precisar que en casos as\u00ed, en ...<br \/><div class=\"pt-cv-rmwrap\"><a href=\"https:\/\/www.dmsjuridica.com\/buscador_20179478954\/corteconstitucionalcronologico202454587\/t-293-04\/\" class=\"_self pt-cv-readmore btn btn-success\" target=\"_self\">Ver Sentencia Completa...<\/a><\/div><\/div><\/div><\/div>\n<div class=\"col-md-12 col-sm-12 col-xs-12 pt-cv-content-item pt-cv-1-col\" ><div class='pt-cv-ifield'><a href=\"https:\/\/www.dmsjuridica.com\/buscador_20179478954\/corteconstitucionalcronologico202454587\/t-292-04\/\" class=\"_self pt-cv-href-thumbnail pt-cv-thumb-default\" target=\"_self\" ><\/a>\n<div class=\"pt-cv-taxoterm above_title\"><a href='https:\/\/www.dmsjuridica.com\/buscador_20179478954\/corteconstitucionalcronologico202454587\/category\/buscar-en-toda-la-corte\/2004\/tutelas-2004\/' title='Tutelas 2004' class='pt-cv-tax-tutelas-2004'>Tutelas 2004<\/a><\/div>\n<h4 class=\"pt-cv-title\"><a href=\"https:\/\/www.dmsjuridica.com\/buscador_20179478954\/corteconstitucionalcronologico202454587\/t-292-04\/\" class=\"_self\" target=\"_self\" >T-292-04<\/a><\/h4>\n<div class=\"pt-cv-content\">\u00a0 \u00a0 Sentencia T-292\/04 \u00a0 INTERES SUPERIOR DEL MENOR-Desconocimiento por parte del ICBF \u00a0 Las decisiones adoptadas por las autoridades que conocen de casos en los que est\u00e9 de por medio un menor \u2013incluyendo a las autoridades administrativas de Bienestar Familiar y a las autoridades judiciales, en especial los jueces de tutela- deben propender, en ejercicio de la discrecionalidad que les compete y en atenci\u00f3n a sus deberes constitucionales y legales, por la materializaci\u00f3n plena del inter\u00e9s superior de cada ni\u00f1o en particular, en atenci\u00f3n a (i) los criterios jur\u00eddicos relevantes, y (ii) una cuidadosa ponderaci\u00f3n de las circunstancias f\u00e1cticas ...<br \/><div class=\"pt-cv-rmwrap\"><a href=\"https:\/\/www.dmsjuridica.com\/buscador_20179478954\/corteconstitucionalcronologico202454587\/t-292-04\/\" class=\"_self pt-cv-readmore btn btn-success\" target=\"_self\">Ver Sentencia Completa...<\/a><\/div><\/div><\/div><\/div>\n<div class=\"col-md-12 col-sm-12 col-xs-12 pt-cv-content-item pt-cv-1-col\" ><div class='pt-cv-ifield'><a href=\"https:\/\/www.dmsjuridica.com\/buscador_20179478954\/corteconstitucionalcronologico202454587\/t-290-04\/\" class=\"_self pt-cv-href-thumbnail pt-cv-thumb-default\" target=\"_self\" ><\/a>\n<div class=\"pt-cv-taxoterm above_title\"><a href='https:\/\/www.dmsjuridica.com\/buscador_20179478954\/corteconstitucionalcronologico202454587\/category\/buscar-en-toda-la-corte\/2004\/tutelas-2004\/' title='Tutelas 2004' class='pt-cv-tax-tutelas-2004'>Tutelas 2004<\/a><\/div>\n<h4 class=\"pt-cv-title\"><a href=\"https:\/\/www.dmsjuridica.com\/buscador_20179478954\/corteconstitucionalcronologico202454587\/t-290-04\/\" class=\"_self\" target=\"_self\" >T-290-04<\/a><\/h4>\n<div class=\"pt-cv-content\">\u00a0 \u00a0 Sentencia T-290\/04 \u00a0 ACCION DE TUTELA-Procedencia excepcional pago de acreencias laborales\/DERECHO AL MINIMO VITAL DEL PENSIONADO-Pago oportuno de mesadas \u00a0 Referencia: expediente T-819414 \u00a0 Acci\u00f3n de tutela instaurada por Pedro de Le\u00f3n de Le\u00f3n y Otros contra el Alcalde Municipal de Ci\u00e9naga de Oro.\u00a0 \u00a0 Magistrado Ponente: \u00a0 Dr. ALVARO TAFUR GALVIS \u00a0 Bogot\u00e1 D. C., veinticinco (25) de marzo de dos mil cuatro (2004). \u00a0 La Sala Octava de Revisi\u00f3n de la Corte Constitucional, integrada por los magistrados, Clara In\u00e9s Vargas Hern\u00e1ndez, Jaime Araujo Renter\u00eda y \u00c1lvaro Tafur Galvis, en ejercicio de sus competencias constitucionales y legales, ...<br \/><div class=\"pt-cv-rmwrap\"><a href=\"https:\/\/www.dmsjuridica.com\/buscador_20179478954\/corteconstitucionalcronologico202454587\/t-290-04\/\" class=\"_self pt-cv-readmore btn btn-success\" target=\"_self\">Ver Sentencia Completa...<\/a><\/div><\/div><\/div><\/div>\n<div class=\"col-md-12 col-sm-12 col-xs-12 pt-cv-content-item pt-cv-1-col\" ><div class='pt-cv-ifield'><a href=\"https:\/\/www.dmsjuridica.com\/buscador_20179478954\/corteconstitucionalcronologico202454587\/t-289-04\/\" class=\"_self pt-cv-href-thumbnail pt-cv-thumb-default\" target=\"_self\" ><\/a>\n<div class=\"pt-cv-taxoterm above_title\"><a href='https:\/\/www.dmsjuridica.com\/buscador_20179478954\/corteconstitucionalcronologico202454587\/category\/buscar-en-toda-la-corte\/2004\/tutelas-2004\/' title='Tutelas 2004' class='pt-cv-tax-tutelas-2004'>Tutelas 2004<\/a><\/div>\n<h4 class=\"pt-cv-title\"><a href=\"https:\/\/www.dmsjuridica.com\/buscador_20179478954\/corteconstitucionalcronologico202454587\/t-289-04\/\" class=\"_self\" target=\"_self\" >T-289-04<\/a><\/h4>\n<div class=\"pt-cv-content\">\u00a0 \u00a0 Sentencia T-289\/04 \u00a0 DERECHO A LA SALUD DE MENOR DE EDAD-Demora en pr\u00e1ctica de cirug\u00eda \u00a0 Cuando a un menor se le niega el servicio m\u00e9dico que requiere, no solo se afecta la salud y la vida del menor, sino su dignidad, pues al verse abocado a afrontar una disminuci\u00f3n en su integridad f\u00edsica y psicol\u00f3gica y no prestarse la atenci\u00f3n urgente que requiere, se le coloca en un plano de inferioridad que impide, limita o coarta la posibilidad de lograr un desarrollo como ser humano en condiciones dignas y justas. En este punto debe tenerse en cuenta, ...<br \/><div class=\"pt-cv-rmwrap\"><a href=\"https:\/\/www.dmsjuridica.com\/buscador_20179478954\/corteconstitucionalcronologico202454587\/t-289-04\/\" class=\"_self pt-cv-readmore btn btn-success\" target=\"_self\">Ver Sentencia Completa...<\/a><\/div><\/div><\/div><\/div>\n<div class=\"col-md-12 col-sm-12 col-xs-12 pt-cv-content-item pt-cv-1-col\" ><div class='pt-cv-ifield'><a href=\"https:\/\/www.dmsjuridica.com\/buscador_20179478954\/corteconstitucionalcronologico202454587\/t-288-04\/\" class=\"_self pt-cv-href-thumbnail pt-cv-thumb-default\" target=\"_self\" ><\/a>\n<div class=\"pt-cv-taxoterm above_title\"><a href='https:\/\/www.dmsjuridica.com\/buscador_20179478954\/corteconstitucionalcronologico202454587\/category\/buscar-en-toda-la-corte\/2004\/tutelas-2004\/' title='Tutelas 2004' class='pt-cv-tax-tutelas-2004'>Tutelas 2004<\/a><\/div>\n<h4 class=\"pt-cv-title\"><a href=\"https:\/\/www.dmsjuridica.com\/buscador_20179478954\/corteconstitucionalcronologico202454587\/t-288-04\/\" class=\"_self\" target=\"_self\" >T-288-04<\/a><\/h4>\n<div class=\"pt-cv-content\">\u00a0 \u00a0 Sentencia T-288\/04 \u00a0 ACCION DE TUTELA-Fallecimiento del enfermo \u00a0 ACCION DE TUTELA-Fallecimiento del actor no exime de pronunciamiento de fondo \u00a0 Referencia: expediente T-816238 \u00a0 Acci\u00f3n de tutela instaurada por Carlos Arturo Rivera contra la E.P.S. Servicio Occidental de Salud S.O.S. \u00a0 Magistrado Ponente: \u00a0 Dr. ALVARO TAFUR GALVIS \u00a0 Bogot\u00e1, D. C., veinticinco (25) de marzo de dos mil cuatro (2004). \u00a0 La Sala Octava de Revisi\u00f3n de la Corte Constitucional, en ejercicio de sus competencias constitucionales y legales, espec\u00edficamente las previstas en los art\u00edculos 86 y 241, numeral 9, de la Constituci\u00f3n Pol\u00edtica y en el ...<br \/><div class=\"pt-cv-rmwrap\"><a href=\"https:\/\/www.dmsjuridica.com\/buscador_20179478954\/corteconstitucionalcronologico202454587\/t-288-04\/\" class=\"_self pt-cv-readmore btn btn-success\" target=\"_self\">Ver Sentencia Completa...<\/a><\/div><\/div><\/div><\/div>\n<div class=\"col-md-12 col-sm-12 col-xs-12 pt-cv-content-item pt-cv-1-col\" ><div class='pt-cv-ifield'><a href=\"https:\/\/www.dmsjuridica.com\/buscador_20179478954\/corteconstitucionalcronologico202454587\/t-287-04\/\" class=\"_self pt-cv-href-thumbnail pt-cv-thumb-default\" target=\"_self\" ><\/a>\n<div class=\"pt-cv-taxoterm above_title\"><a href='https:\/\/www.dmsjuridica.com\/buscador_20179478954\/corteconstitucionalcronologico202454587\/category\/buscar-en-toda-la-corte\/2004\/tutelas-2004\/' title='Tutelas 2004' class='pt-cv-tax-tutelas-2004'>Tutelas 2004<\/a><\/div>\n<h4 class=\"pt-cv-title\"><a href=\"https:\/\/www.dmsjuridica.com\/buscador_20179478954\/corteconstitucionalcronologico202454587\/t-287-04\/\" class=\"_self\" target=\"_self\" >T-287-04<\/a><\/h4>\n<div class=\"pt-cv-content\">\u00a0 \u00a0 Sentencia T-287\/04 \u00a0 ACCION DE TUTELA CONTRA ENTIDAD BANCARIA-Procedencia \u00a0 ENTIDAD BANCARIA-Posici\u00f3n dominante \u00a0 ENTIDAD BANCARIA-Modificaci\u00f3n unilateral reliquidaci\u00f3n cr\u00e9dito hipotecario \u00a0 DERECHO DE PETICION FRENTE A ENTIDAD BANCARIA-Respuesta sobre condiciones exactas del cr\u00e9dito \u00a0 ENTIDAD BANCARIA-No debe abusar de su posici\u00f3n dominante \u00a0 DEBIDO PROCESO-Vulneraci\u00f3n por Granahorrar al solicitar saldo despu\u00e9s de expedido el paz y salvo \u00a0 ACTO PROPIO-Respeto por entidad financiera \u00a0 RELIQUIDACION DE CREDITO DE UPAC-Error cometido por Granahorrar no puede llevar a desconocimiento de principio de legalidad \u00a0 Referencia: expedientes T-828862, T-829482 \u00a0 Peticionarios: Carmen Luisa Jim\u00e9nez de Navarro. Luis Jaime S\u00e1nchez Ram\u00edrez\u00a0 \u00a0 ...<br \/><div class=\"pt-cv-rmwrap\"><a href=\"https:\/\/www.dmsjuridica.com\/buscador_20179478954\/corteconstitucionalcronologico202454587\/t-287-04\/\" class=\"_self pt-cv-readmore btn btn-success\" target=\"_self\">Ver Sentencia Completa...<\/a><\/div><\/div><\/div><\/div>\n<div class=\"col-md-12 col-sm-12 col-xs-12 pt-cv-content-item pt-cv-1-col\" ><div class='pt-cv-ifield'><a href=\"https:\/\/www.dmsjuridica.com\/buscador_20179478954\/corteconstitucionalcronologico202454587\/t-286-04\/\" class=\"_self pt-cv-href-thumbnail pt-cv-thumb-default\" target=\"_self\" ><\/a>\n<div class=\"pt-cv-taxoterm above_title\"><a href='https:\/\/www.dmsjuridica.com\/buscador_20179478954\/corteconstitucionalcronologico202454587\/category\/buscar-en-toda-la-corte\/2004\/tutelas-2004\/' title='Tutelas 2004' class='pt-cv-tax-tutelas-2004'>Tutelas 2004<\/a><\/div>\n<h4 class=\"pt-cv-title\"><a href=\"https:\/\/www.dmsjuridica.com\/buscador_20179478954\/corteconstitucionalcronologico202454587\/t-286-04\/\" class=\"_self\" target=\"_self\" >T-286-04<\/a><\/h4>\n<div class=\"pt-cv-content\">\u00a0 \u00a0 Sentencia T-286\/04 \u00a0 ENTIDADES DE SALUD-El usuario no debe soportar la incertidumbre de si es la EPS o la ARS la que debe dar la atenci\u00f3n m\u00e9dica\/JUNTA CALIFICADORA DE RIESGOS PROFESIONALES-Debe decidir conflicto presentado con ARP\/ENTIDAD PROMOTORA DE SALUD-Repetici\u00f3n contra el Fosyga \u00a0 No puede el juez de tutela seguir sometiendo al se\u00f1or Marciales Rueda a distintos tr\u00e1mites administrativos en menoscabo de sus derechos fundamentales, toda vez que aunque exista un procedimiento para definir si en realidad la lesi\u00f3n ocurrida al demandante es un accidente de trabajo o no, mas all\u00e1 del conflicto originado por \u00e9sta calificaci\u00f3n, debe ...<br \/><div class=\"pt-cv-rmwrap\"><a href=\"https:\/\/www.dmsjuridica.com\/buscador_20179478954\/corteconstitucionalcronologico202454587\/t-286-04\/\" class=\"_self pt-cv-readmore btn btn-success\" target=\"_self\">Ver Sentencia Completa...<\/a><\/div><\/div><\/div><\/div>\n<div class=\"col-md-12 col-sm-12 col-xs-12 pt-cv-content-item pt-cv-1-col\" ><div class='pt-cv-ifield'><a href=\"https:\/\/www.dmsjuridica.com\/buscador_20179478954\/corteconstitucionalcronologico202454587\/t-285-04\/\" class=\"_self pt-cv-href-thumbnail pt-cv-thumb-default\" target=\"_self\" ><\/a>\n<div class=\"pt-cv-taxoterm above_title\"><a href='https:\/\/www.dmsjuridica.com\/buscador_20179478954\/corteconstitucionalcronologico202454587\/category\/buscar-en-toda-la-corte\/2004\/tutelas-2004\/' title='Tutelas 2004' class='pt-cv-tax-tutelas-2004'>Tutelas 2004<\/a><\/div>\n<h4 class=\"pt-cv-title\"><a href=\"https:\/\/www.dmsjuridica.com\/buscador_20179478954\/corteconstitucionalcronologico202454587\/t-285-04\/\" class=\"_self\" target=\"_self\" >T-285-04<\/a><\/h4>\n<div class=\"pt-cv-content\">\u00a0 \u00a0 Sentencia T-285\/04 \u00a0 VIA DE HECHO EN PROCESO DE RESPONSABILIDAD FISCAL-Desconocimiento de sentencia de la Corte Constitucional \u00a0 La decisi\u00f3n proferida por la Contralor\u00eda, al resolver el recurso de apelaci\u00f3n interpuesto por el actor, quien debe considerarse como apelante \u00fanico, constituy\u00f3 una verdadera v\u00eda de hecho, ya que no s\u00f3lo agrav\u00f3 su situaci\u00f3n, sino que adem\u00e1s desconoci\u00f3 una disposici\u00f3n constitucional anterior al pronunciamiento fiscal. Por ende, no puede esta Sala ratificar la conducta asumida por la Contralor\u00eda y considerar que la decisi\u00f3n proferida en contra del actor fue simplemente confirmada, pues es claro que s\u00f3lo si la culpa ...<br \/><div class=\"pt-cv-rmwrap\"><a href=\"https:\/\/www.dmsjuridica.com\/buscador_20179478954\/corteconstitucionalcronologico202454587\/t-285-04\/\" class=\"_self pt-cv-readmore btn btn-success\" target=\"_self\">Ver Sentencia Completa...<\/a><\/div><\/div><\/div><\/div>\n<div class=\"col-md-12 col-sm-12 col-xs-12 pt-cv-content-item pt-cv-1-col\" ><div class='pt-cv-ifield'><a href=\"https:\/\/www.dmsjuridica.com\/buscador_20179478954\/corteconstitucionalcronologico202454587\/t-284-04\/\" class=\"_self pt-cv-href-thumbnail pt-cv-thumb-default\" target=\"_self\" ><\/a>\n<div class=\"pt-cv-taxoterm above_title\"><a href='https:\/\/www.dmsjuridica.com\/buscador_20179478954\/corteconstitucionalcronologico202454587\/category\/buscar-en-toda-la-corte\/2004\/tutelas-2004\/' title='Tutelas 2004' class='pt-cv-tax-tutelas-2004'>Tutelas 2004<\/a><\/div>\n<h4 class=\"pt-cv-title\"><a href=\"https:\/\/www.dmsjuridica.com\/buscador_20179478954\/corteconstitucionalcronologico202454587\/t-284-04\/\" class=\"_self\" target=\"_self\" >T-284-04<\/a><\/h4>\n<div class=\"pt-cv-content\">\u00a0 \u00a0 Sentencia T-284\/04 \u00a0 LICENCIA DE MATERNIDAD-Pago por allanamiento a la mora por EPS \u00a0 LICENCIA DE MATERNIDAD-T\u00e9rmino para solicitar pago dentro del a\u00f1o siguiente al nacimiento del ni\u00f1o \u00a0 Reiteraci\u00f3n de Jurisprudencia \u00a0 Referencia: expediente T-818892 \u00a0 Acci\u00f3n de tutela instaurada por MAR\u00cdA COLORADO ORT\u00cdZ contra la E.P.S. SEGURO SOCIAL \u00a0Seccional Risaralda. \u00a0 \u00a0 Magistrado Ponente: \u00a0 Dr. RODRIGO ESCOBAR GIL \u00a0 Bogot\u00e1, D. C., veinticuatro (24) de marzo de dos mil cuatro (2004). \u00a0 La Sala Quinta de Revisi\u00f3n de la Corte Constitucional, integrada por los magistrados Marco Gerardo Monroy Cabra, Eduardo Montealegre Lynett y Rodrigo Escobar ...<br \/><div class=\"pt-cv-rmwrap\"><a href=\"https:\/\/www.dmsjuridica.com\/buscador_20179478954\/corteconstitucionalcronologico202454587\/t-284-04\/\" class=\"_self pt-cv-readmore btn btn-success\" target=\"_self\">Ver Sentencia Completa...<\/a><\/div><\/div><\/div><\/div>\n<div class=\"col-md-12 col-sm-12 col-xs-12 pt-cv-content-item pt-cv-1-col\" ><div class='pt-cv-ifield'><a href=\"https:\/\/www.dmsjuridica.com\/buscador_20179478954\/corteconstitucionalcronologico202454587\/t-277-04\/\" class=\"_self pt-cv-href-thumbnail pt-cv-thumb-default\" target=\"_self\" ><\/a>\n<div class=\"pt-cv-taxoterm above_title\"><a href='https:\/\/www.dmsjuridica.com\/buscador_20179478954\/corteconstitucionalcronologico202454587\/category\/buscar-en-toda-la-corte\/2004\/tutelas-2004\/' title='Tutelas 2004' class='pt-cv-tax-tutelas-2004'>Tutelas 2004<\/a><\/div>\n<h4 class=\"pt-cv-title\"><a href=\"https:\/\/www.dmsjuridica.com\/buscador_20179478954\/corteconstitucionalcronologico202454587\/t-277-04\/\" class=\"_self\" target=\"_self\" >T-277-04<\/a><\/h4>\n<div class=\"pt-cv-content\">\u00a0 \u00a0 Sentencia T-277\/04 \u00a0 DERECHO A LA SALUD-Pr\u00e1ctica de cirug\u00eda \u00a0 Referencia: expediente T-817172 \u00a0 Acci\u00f3n de tutela instaurada por Luis Carlos Mar\u00edn contra el Seguro Social E.P.S. Seccional Quind\u00edo. \u00a0 Magistrado Ponente: \u00a0 Dr. EDUARDO MONTEALEGRE LYNETT. \u00a0 Bogot\u00e1 D. C., dieciocho (18) de marzo de dos mil cuatro (2004). \u00a0 La Sala S\u00e9ptima de Revisi\u00f3n de la Corte Constitucional integrada por los magistrados Clara In\u00e9s Vargas Hern\u00e1ndez, \u00c1lvaro Tafur Galvis y Eduardo Montealegre Lynett, quien la preside, en ejercicio de sus competencias constitucionales y legales, espec\u00edficamente las previstas en los art\u00edculos 86 y 241 numeral 9\u00ba de ...<br \/><div class=\"pt-cv-rmwrap\"><a href=\"https:\/\/www.dmsjuridica.com\/buscador_20179478954\/corteconstitucionalcronologico202454587\/t-277-04\/\" class=\"_self pt-cv-readmore btn btn-success\" target=\"_self\">Ver Sentencia Completa...<\/a><\/div><\/div><\/div><\/div>\n<div class=\"col-md-12 col-sm-12 col-xs-12 pt-cv-content-item pt-cv-1-col\" ><div class='pt-cv-ifield'><a href=\"https:\/\/www.dmsjuridica.com\/buscador_20179478954\/corteconstitucionalcronologico202454587\/t-276-04\/\" class=\"_self pt-cv-href-thumbnail pt-cv-thumb-default\" target=\"_self\" ><\/a>\n<div class=\"pt-cv-taxoterm above_title\"><a href='https:\/\/www.dmsjuridica.com\/buscador_20179478954\/corteconstitucionalcronologico202454587\/category\/buscar-en-toda-la-corte\/2004\/tutelas-2004\/' title='Tutelas 2004' class='pt-cv-tax-tutelas-2004'>Tutelas 2004<\/a><\/div>\n<h4 class=\"pt-cv-title\"><a href=\"https:\/\/www.dmsjuridica.com\/buscador_20179478954\/corteconstitucionalcronologico202454587\/t-276-04\/\" class=\"_self\" target=\"_self\" >T-276-04<\/a><\/h4>\n<div class=\"pt-cv-content\">\u00a0 \u00a0 Sentencia T-276\/04 \u00a0 Referencia: expediente T-788956 \u00a0 Acci\u00f3n de tutela instaurada por Luis Alberto Angarita contra la Industria Colombiana de Artefactos ICASA, en concordato. \u00a0 Magistrado Ponente: \u00a0 Dr. EDUARDO MONTEALEGRE LYNETT. \u00a0 Bogot\u00e1 D. C., dieciocho (18) de marzo de dos mil cuatro (2004). \u00a0 La Sala S\u00e9ptima de Revisi\u00f3n de la Corte Constitucional integrada por los magistrados Clara In\u00e9s Vargas Hern\u00e1ndez, \u00c1lvaro Tafur Galvis y Eduardo Montealegre Lynett, quien la preside, en ejercicio de sus competencias constitucionales y legales, espec\u00edficamente las previstas en los art\u00edculos 86 y 241 numeral 9\u00ba de la Constituci\u00f3n Pol\u00edtica y en ...<br \/><div class=\"pt-cv-rmwrap\"><a href=\"https:\/\/www.dmsjuridica.com\/buscador_20179478954\/corteconstitucionalcronologico202454587\/t-276-04\/\" class=\"_self pt-cv-readmore btn btn-success\" target=\"_self\">Ver Sentencia Completa...<\/a><\/div><\/div><\/div><\/div>\n<div class=\"col-md-12 col-sm-12 col-xs-12 pt-cv-content-item pt-cv-1-col\" ><div class='pt-cv-ifield'><a href=\"https:\/\/www.dmsjuridica.com\/buscador_20179478954\/corteconstitucionalcronologico202454587\/t-275-04\/\" class=\"_self pt-cv-href-thumbnail pt-cv-thumb-default\" target=\"_self\" ><\/a>\n<div class=\"pt-cv-taxoterm above_title\"><a href='https:\/\/www.dmsjuridica.com\/buscador_20179478954\/corteconstitucionalcronologico202454587\/category\/buscar-en-toda-la-corte\/2004\/tutelas-2004\/' title='Tutelas 2004' class='pt-cv-tax-tutelas-2004'>Tutelas 2004<\/a><\/div>\n<h4 class=\"pt-cv-title\"><a href=\"https:\/\/www.dmsjuridica.com\/buscador_20179478954\/corteconstitucionalcronologico202454587\/t-275-04\/\" class=\"_self\" target=\"_self\" >T-275-04<\/a><\/h4>\n<div class=\"pt-cv-content\">\u00a0 \u00a0 Sentencia T-275\/04 \u00a0 ACCION DE TUTELA-Improcedencia para revivir t\u00e9rminos \u00a0 Referencia: expediente T-841443 \u00a0 Peticionario: Javier de Jes\u00fas Morales Morales \u00a0 Accionado: \u00a0Tribunal Superior de Medell\u00edn, Sala Laboral \u00a0 Magistrado Ponente: \u00a0 Dr. MARCO GERARDO MONROY CABRA \u00a0 Bogot\u00e1 D. C., \u00a0 dieciocho (18) \u00a0de marzo de dos mil cuatro (2004). \u00a0 La Sala Sexta de la Corte Constitucional, integrada por los Magistrados Eduardo Montealegre Lynett, \u00c1lvaro Tafur Galvis y Marco Gerardo Monroy Cabra, quien la preside, \u00a0en ejercicio de sus competencias constitucionales y legales ha pronunciado la siguiente\u00a0 \u00a0 SENTENCIA \u00a0 En el proceso de revisi\u00f3n de ...<br \/><div class=\"pt-cv-rmwrap\"><a href=\"https:\/\/www.dmsjuridica.com\/buscador_20179478954\/corteconstitucionalcronologico202454587\/t-275-04\/\" class=\"_self pt-cv-readmore btn btn-success\" target=\"_self\">Ver Sentencia Completa...<\/a><\/div><\/div><\/div><\/div>\n<div class=\"col-md-12 col-sm-12 col-xs-12 pt-cv-content-item pt-cv-1-col\" ><div class='pt-cv-ifield'><a href=\"https:\/\/www.dmsjuridica.com\/buscador_20179478954\/corteconstitucionalcronologico202454587\/t-274-04\/\" class=\"_self pt-cv-href-thumbnail pt-cv-thumb-default\" target=\"_self\" ><\/a>\n<div class=\"pt-cv-taxoterm above_title\"><a href='https:\/\/www.dmsjuridica.com\/buscador_20179478954\/corteconstitucionalcronologico202454587\/category\/buscar-en-toda-la-corte\/2004\/tutelas-2004\/' title='Tutelas 2004' class='pt-cv-tax-tutelas-2004'>Tutelas 2004<\/a><\/div>\n<h4 class=\"pt-cv-title\"><a href=\"https:\/\/www.dmsjuridica.com\/buscador_20179478954\/corteconstitucionalcronologico202454587\/t-274-04\/\" class=\"_self\" target=\"_self\" >T-274-04<\/a><\/h4>\n<div class=\"pt-cv-content\">\u00a0 \u00a0 Sentencia T-274\/04 \u00a0 DERECHO A LA SALUD-Pr\u00e1ctica de cirug\u00eda \u00a0 ACCION DE TUTELA-Hecho superado por pr\u00e1ctica de cirug\u00eda \u00a0 Reiteraci\u00f3n de jurisprudencia \u00a0 Referencia: expediente T-818337 \u00a0 Acci\u00f3n de tutela instaurada por Isbelia Garc\u00eda de Cadena contra la E.P.S. del \u00a0Seguro Social, Seccional Santander.\u00a0 \u00a0 Magistrado Ponente: \u00a0 Dr. JAIME ARAUJO RENTER\u00cdA\u00a0 \u00a0 Bogot\u00e1, D. C., veintitr\u00e9s (23) de marzo de dos mil cuatro (2004). \u00a0 La Sala Primera de Revisi\u00f3n de la Corte Constitucional, integrada por los magistrados JAIME ARAUJO RENTERIA, ALFREDO BELTRAN SIERRA y MANUEL JOSE CEPEDA ESPINOSA en ejercicio de sus competencias constitucionales y legales, ...<br \/><div class=\"pt-cv-rmwrap\"><a href=\"https:\/\/www.dmsjuridica.com\/buscador_20179478954\/corteconstitucionalcronologico202454587\/t-274-04\/\" class=\"_self pt-cv-readmore btn btn-success\" target=\"_self\">Ver Sentencia Completa...<\/a><\/div><\/div><\/div><\/div>\n<div class=\"col-md-12 col-sm-12 col-xs-12 pt-cv-content-item pt-cv-1-col\" ><div class='pt-cv-ifield'><a href=\"https:\/\/www.dmsjuridica.com\/buscador_20179478954\/corteconstitucionalcronologico202454587\/t-273-04\/\" class=\"_self pt-cv-href-thumbnail pt-cv-thumb-default\" target=\"_self\" ><\/a>\n<div class=\"pt-cv-taxoterm above_title\"><a href='https:\/\/www.dmsjuridica.com\/buscador_20179478954\/corteconstitucionalcronologico202454587\/category\/buscar-en-toda-la-corte\/2004\/tutelas-2004\/' title='Tutelas 2004' class='pt-cv-tax-tutelas-2004'>Tutelas 2004<\/a><\/div>\n<h4 class=\"pt-cv-title\"><a href=\"https:\/\/www.dmsjuridica.com\/buscador_20179478954\/corteconstitucionalcronologico202454587\/t-273-04\/\" class=\"_self\" target=\"_self\" >T-273-04<\/a><\/h4>\n<div class=\"pt-cv-content\">\u00a0 \u00a0 Sentencia T-273\/04 \u00a0 DERECHO DE PETICION EN MATERIA PENSIONAL-T\u00e9rmino para resolver reconocimiento y pago de pensiones \u00a0 Las entidades que hacen parte del Sistema General de Pensiones, ya sean p\u00fablicas o privadas, cuentan con un t\u00e9rmino de seis (6) meses para hacer efectivo el derecho solicitado, el cual se concreta en el pago de la pensi\u00f3n respectiva. El mencionado t\u00e9rmino se distribuye as\u00ed: quince (15) d\u00edas para atender preliminarmente la petici\u00f3n y hacer las indicaciones que fueren pertinentes al solicitante; cuatro (4) meses para resolver la solicitud de reconocimiento de la pensi\u00f3n en concreto, de tal manera que ...<br \/><div class=\"pt-cv-rmwrap\"><a href=\"https:\/\/www.dmsjuridica.com\/buscador_20179478954\/corteconstitucionalcronologico202454587\/t-273-04\/\" class=\"_self pt-cv-readmore btn btn-success\" target=\"_self\">Ver Sentencia Completa...<\/a><\/div><\/div><\/div><\/div>\n<div class=\"col-md-12 col-sm-12 col-xs-12 pt-cv-content-item pt-cv-1-col\" ><div class='pt-cv-ifield'><a href=\"https:\/\/www.dmsjuridica.com\/buscador_20179478954\/corteconstitucionalcronologico202454587\/t-272-04\/\" class=\"_self pt-cv-href-thumbnail pt-cv-thumb-default\" target=\"_self\" ><\/a>\n<div class=\"pt-cv-taxoterm above_title\"><a href='https:\/\/www.dmsjuridica.com\/buscador_20179478954\/corteconstitucionalcronologico202454587\/category\/buscar-en-toda-la-corte\/2004\/tutelas-2004\/' title='Tutelas 2004' class='pt-cv-tax-tutelas-2004'>Tutelas 2004<\/a><\/div>\n<h4 class=\"pt-cv-title\"><a href=\"https:\/\/www.dmsjuridica.com\/buscador_20179478954\/corteconstitucionalcronologico202454587\/t-272-04\/\" class=\"_self\" target=\"_self\" >T-272-04<\/a><\/h4>\n<div class=\"pt-cv-content\">\u00a0 \u00a0 Sentencia T-272\/04 \u00a0 DERECHO A LA PENSION DE INVALIDEZ-Fundamental por conexidad \u00a0 La Corte ha sostenido reiteradamente que el derecho al reconocimiento de la pensi\u00f3n de aquellas personas que se encuentran en estado de invalidez asume el car\u00e1cter de fundamental por estar en conexidad con el derecho a la vida. En efecto, tales personas se encuentran en un estado de indefensi\u00f3n y limitaci\u00f3n que merece una protecci\u00f3n especial, pues es muy dif\u00edcil que alguien a quien se le ha reconocido el porcentaje de incapacidad laboral necesario para obtener el derecho a la pensi\u00f3n de invalidez encuentre otro medio ...<br \/><div class=\"pt-cv-rmwrap\"><a href=\"https:\/\/www.dmsjuridica.com\/buscador_20179478954\/corteconstitucionalcronologico202454587\/t-272-04\/\" class=\"_self pt-cv-readmore btn btn-success\" target=\"_self\">Ver Sentencia Completa...<\/a><\/div><\/div><\/div><\/div>\n<div class=\"col-md-12 col-sm-12 col-xs-12 pt-cv-content-item pt-cv-1-col\" ><div class='pt-cv-ifield'><a href=\"https:\/\/www.dmsjuridica.com\/buscador_20179478954\/corteconstitucionalcronologico202454587\/t-271-04\/\" class=\"_self pt-cv-href-thumbnail pt-cv-thumb-default\" target=\"_self\" ><\/a>\n<div class=\"pt-cv-taxoterm above_title\"><a href='https:\/\/www.dmsjuridica.com\/buscador_20179478954\/corteconstitucionalcronologico202454587\/category\/buscar-en-toda-la-corte\/2004\/tutelas-2004\/' title='Tutelas 2004' class='pt-cv-tax-tutelas-2004'>Tutelas 2004<\/a><\/div>\n<h4 class=\"pt-cv-title\"><a href=\"https:\/\/www.dmsjuridica.com\/buscador_20179478954\/corteconstitucionalcronologico202454587\/t-271-04\/\" class=\"_self\" target=\"_self\" >T-271-04<\/a><\/h4>\n<div class=\"pt-cv-content\">\u00a0 \u00a0 Sentencia T-271\/04 \u00a0 LICENCIA DE MATERNIDAD-Derecho prestacional\/LICENCIA DE MATERNIDAD-Fundamental por conexidad \u00a0 LICENCIA DE MATERNIDAD-Objeto \u00a0 ALLANAMIENTO A LA MORA-Recibo de aportes debidos en salud\/ENTIDAD PROMOTORA DE SALUD-Atenci\u00f3n por recibo de aportes debidos \u00a0 ENTIDAD PROMOTORA DE SALUD-Si no alega mora en aportes no puede negar la prestaci\u00f3n econ\u00f3mica al trabajador \u00a0 Referencia: expediente T-822193 \u00a0 Acci\u00f3n de tutela instaurada por la ciudadana M\u00f3nica Sof\u00eda Verbel Vergara contra Coomeva E.P.S. Seccional Sucre. \u00a0 Magistrado Ponente \u00a0 Dr. JAIME ARA\u00daJO RENTER\u00cdA\u00a0 \u00a0 Bogot\u00e1, D. C., veintitr\u00e9s (23) de marzo dos mil cuatro (2004). \u00a0 La Sala Primera de Revisi\u00f3n ...<br \/><div class=\"pt-cv-rmwrap\"><a href=\"https:\/\/www.dmsjuridica.com\/buscador_20179478954\/corteconstitucionalcronologico202454587\/t-271-04\/\" class=\"_self pt-cv-readmore btn btn-success\" target=\"_self\">Ver Sentencia Completa...<\/a><\/div><\/div><\/div><\/div>\n<div class=\"col-md-12 col-sm-12 col-xs-12 pt-cv-content-item pt-cv-1-col\" ><div class='pt-cv-ifield'><a href=\"https:\/\/www.dmsjuridica.com\/buscador_20179478954\/corteconstitucionalcronologico202454587\/t-270-04\/\" class=\"_self pt-cv-href-thumbnail pt-cv-thumb-default\" target=\"_self\" ><\/a>\n<div class=\"pt-cv-taxoterm above_title\"><a href='https:\/\/www.dmsjuridica.com\/buscador_20179478954\/corteconstitucionalcronologico202454587\/category\/buscar-en-toda-la-corte\/2004\/tutelas-2004\/' title='Tutelas 2004' class='pt-cv-tax-tutelas-2004'>Tutelas 2004<\/a><\/div>\n<h4 class=\"pt-cv-title\"><a href=\"https:\/\/www.dmsjuridica.com\/buscador_20179478954\/corteconstitucionalcronologico202454587\/t-270-04\/\" class=\"_self\" target=\"_self\" >T-270-04<\/a><\/h4>\n<div class=\"pt-cv-content\">\u00a0 \u00a0 Sentencia T-270\/04 \u00a0 EMPRESA DE SERVICIOS PUBLICOS DOMICILIARIOS-Condici\u00f3n de autoridad frente a usuarios y suscriptores \u00a0 EMPRESA DE SERVICIOS PUBLICOS DOMICILIARIOS-Naturaleza del v\u00ednculo entre la empresa y el usuario \u00a0 Es claro que por regla general al ser las empresas de servicios p\u00fablicos verdaderas autoridades est\u00e1n sometidas a los principios constitucionales y legales propios de la funci\u00f3n administrativa y el control de constitucionalidad y legalidad de sus decisiones deben ser sometidas al escrutinio de la Jurisdicci\u00f3n de lo Contencioso Administrativo mediante el ejercicio de las acciones de nulidad o nulidad y restablecimiento del derecho seg\u00fan corresponda en cada ...<br \/><div class=\"pt-cv-rmwrap\"><a href=\"https:\/\/www.dmsjuridica.com\/buscador_20179478954\/corteconstitucionalcronologico202454587\/t-270-04\/\" class=\"_self pt-cv-readmore btn btn-success\" target=\"_self\">Ver Sentencia Completa...<\/a><\/div><\/div><\/div><\/div>\n<div class=\"col-md-12 col-sm-12 col-xs-12 pt-cv-content-item pt-cv-1-col\" ><div class='pt-cv-ifield'><a href=\"https:\/\/www.dmsjuridica.com\/buscador_20179478954\/corteconstitucionalcronologico202454587\/t-269-04\/\" class=\"_self pt-cv-href-thumbnail pt-cv-thumb-default\" target=\"_self\" ><\/a>\n<div class=\"pt-cv-taxoterm above_title\"><a href='https:\/\/www.dmsjuridica.com\/buscador_20179478954\/corteconstitucionalcronologico202454587\/category\/buscar-en-toda-la-corte\/2004\/tutelas-2004\/' title='Tutelas 2004' class='pt-cv-tax-tutelas-2004'>Tutelas 2004<\/a><\/div>\n<h4 class=\"pt-cv-title\"><a href=\"https:\/\/www.dmsjuridica.com\/buscador_20179478954\/corteconstitucionalcronologico202454587\/t-269-04\/\" class=\"_self\" target=\"_self\" >T-269-04<\/a><\/h4>\n<div class=\"pt-cv-content\">\u00a0 \u00a0 Sentencia T-269\/04 \u00a0 DERECHO A LA VIVIENDA DIGNA-Financiaci\u00f3n de vivienda a largo plazo\/ENTIDAD BANCARIA-Abuso de posici\u00f3n dominante \u00a0 ACTO PROPIO-Respeto\/ACTO PROPIO-Condiciones para su aplicaci\u00f3n \u00a0 Esta Corporaci\u00f3n ha elaborado una clara l\u00ednea jurisprudencial respecto de la vulneraci\u00f3n de los derechos fundamentales y la procedencia del amparo constitucional a favor de los deudores de cr\u00e9ditos hipotecarios para adquisici\u00f3n de vivienda a los que se les revers\u00f3 la reliquidaci\u00f3n realizada con ocasi\u00f3n del abono dispuesto por la Ley 546 de 1999. Esa l\u00ednea jurisprudencial que, entre otras, est\u00e1 trazada en las Sentencias T-1085-02 y T-083-03, se sintetiza en la siguiente ...<br \/><div class=\"pt-cv-rmwrap\"><a href=\"https:\/\/www.dmsjuridica.com\/buscador_20179478954\/corteconstitucionalcronologico202454587\/t-269-04\/\" class=\"_self pt-cv-readmore btn btn-success\" target=\"_self\">Ver Sentencia Completa...<\/a><\/div><\/div><\/div><\/div>\n<div class=\"col-md-12 col-sm-12 col-xs-12 pt-cv-content-item pt-cv-1-col\" ><div class='pt-cv-ifield'><a href=\"https:\/\/www.dmsjuridica.com\/buscador_20179478954\/corteconstitucionalcronologico202454587\/t-268-04\/\" class=\"_self pt-cv-href-thumbnail pt-cv-thumb-default\" target=\"_self\" ><\/a>\n<div class=\"pt-cv-taxoterm above_title\"><a href='https:\/\/www.dmsjuridica.com\/buscador_20179478954\/corteconstitucionalcronologico202454587\/category\/buscar-en-toda-la-corte\/2004\/tutelas-2004\/' title='Tutelas 2004' class='pt-cv-tax-tutelas-2004'>Tutelas 2004<\/a><\/div>\n<h4 class=\"pt-cv-title\"><a href=\"https:\/\/www.dmsjuridica.com\/buscador_20179478954\/corteconstitucionalcronologico202454587\/t-268-04\/\" class=\"_self\" target=\"_self\" >T-268-04<\/a><\/h4>\n<div class=\"pt-cv-content\">\u00a0 \u00a0 Sentencia T-268\/04 \u00a0 DERECHO A LA SALUD DE MENOR DE EDAD-Atenci\u00f3n m\u00e9dica \u00a0 DERECHO A LA SALUD DE MENOR DE EDAD-No puede afectarse por mora patronal en pago de aportes \u00a0 DERECHO A LA SALUD-Mora patronal no exonera a la EPS de la prestaci\u00f3n del servicio \u00a0 EMPRESA PROMOTORA DE SALUD-Casos en que debe prestarse atenci\u00f3n m\u00e9dica a pesar de la mora patronal \u00a0 Estos casos se circunscriben a (i) el delicado estado de salud, la situaci\u00f3n de emergencia o el peligro de muerte del afiliado al sistema de seguridad social en salud; (ii) los eventos espec\u00edficos en ...<br \/><div class=\"pt-cv-rmwrap\"><a href=\"https:\/\/www.dmsjuridica.com\/buscador_20179478954\/corteconstitucionalcronologico202454587\/t-268-04\/\" class=\"_self pt-cv-readmore btn btn-success\" target=\"_self\">Ver Sentencia Completa...<\/a><\/div><\/div><\/div><\/div>\n<div class=\"col-md-12 col-sm-12 col-xs-12 pt-cv-content-item pt-cv-1-col\" ><div class='pt-cv-ifield'><a href=\"https:\/\/www.dmsjuridica.com\/buscador_20179478954\/corteconstitucionalcronologico202454587\/t-267-04\/\" class=\"_self pt-cv-href-thumbnail pt-cv-thumb-default\" target=\"_self\" ><\/a>\n<div class=\"pt-cv-taxoterm above_title\"><a href='https:\/\/www.dmsjuridica.com\/buscador_20179478954\/corteconstitucionalcronologico202454587\/category\/buscar-en-toda-la-corte\/2004\/tutelas-2004\/' title='Tutelas 2004' class='pt-cv-tax-tutelas-2004'>Tutelas 2004<\/a><\/div>\n<h4 class=\"pt-cv-title\"><a href=\"https:\/\/www.dmsjuridica.com\/buscador_20179478954\/corteconstitucionalcronologico202454587\/t-267-04\/\" class=\"_self\" target=\"_self\" >T-267-04<\/a><\/h4>\n<div class=\"pt-cv-content\">\u00a0 \u00a0 Sentencia T-267\/04 \u00a0 SENTENCIA DEL CONSEJO DE ESTADO-Cumplimiento en relaci\u00f3n con pago de mesadas pensionales \u00a0 La entidad demandada no ha procedido a cumplir con lo ordenado en la sentencia en menci\u00f3n y a trav\u00e9s de la Seccional Risaralda ha manifestado que no se ha incluido en n\u00f3mina al actor ni pagado la pensi\u00f3n que reclama, dado que el mismo no ha iniciado el proceso ejecutivo laboral que corresponde en procura de recuperar las acreencias solicitadas. El cumplimiento de las sentencias judiciales adem\u00e1s de ser una garant\u00eda dentro de un Estado de Derecho es una obligaci\u00f3n a cargo ...<br \/><div class=\"pt-cv-rmwrap\"><a href=\"https:\/\/www.dmsjuridica.com\/buscador_20179478954\/corteconstitucionalcronologico202454587\/t-267-04\/\" class=\"_self pt-cv-readmore btn btn-success\" target=\"_self\">Ver Sentencia Completa...<\/a><\/div><\/div><\/div><\/div>\n<div class=\"col-md-12 col-sm-12 col-xs-12 pt-cv-content-item pt-cv-1-col\" ><div class='pt-cv-ifield'><a href=\"https:\/\/www.dmsjuridica.com\/buscador_20179478954\/corteconstitucionalcronologico202454587\/t-266-04\/\" class=\"_self pt-cv-href-thumbnail pt-cv-thumb-default\" target=\"_self\" ><\/a>\n<div class=\"pt-cv-taxoterm above_title\"><a href='https:\/\/www.dmsjuridica.com\/buscador_20179478954\/corteconstitucionalcronologico202454587\/category\/buscar-en-toda-la-corte\/2004\/tutelas-2004\/' title='Tutelas 2004' class='pt-cv-tax-tutelas-2004'>Tutelas 2004<\/a><\/div>\n<h4 class=\"pt-cv-title\"><a href=\"https:\/\/www.dmsjuridica.com\/buscador_20179478954\/corteconstitucionalcronologico202454587\/t-266-04\/\" class=\"_self\" target=\"_self\" >T-266-04<\/a><\/h4>\n<div class=\"pt-cv-content\">\u00a0 \u00a0 Sentencia T-266\/04 \u00a0 DERECHO DE PETICION EN MATERIA PENSIONAL-T\u00e9rmino para resolver reconocimiento y pago de pensiones \u00a0 La omisi\u00f3n en que incurri\u00f3 el Instituto de Seguro Social \u2013Seccional Cali -, es vulneratoria del derecho de petici\u00f3n, toda vez que, no cumpli\u00f3 con su deber constitucional de absolver de fondo lo solicitado por el actor, transgrediendo lo previsto en el art\u00edculo 19 del Decreto 656 de 1994 y art\u00edculo 6\u00ba del C\u00f3digo Contencioso Administrativo, que como ya se expres\u00f3 este \u00faltimo debe ser interpretado arm\u00f3nicamente con el primero en el sentido que las peticiones relativas al reconocimiento de pensi\u00f3n ...<br \/><div class=\"pt-cv-rmwrap\"><a href=\"https:\/\/www.dmsjuridica.com\/buscador_20179478954\/corteconstitucionalcronologico202454587\/t-266-04\/\" class=\"_self pt-cv-readmore btn btn-success\" target=\"_self\">Ver Sentencia Completa...<\/a><\/div><\/div><\/div><\/div>\n<div class=\"col-md-12 col-sm-12 col-xs-12 pt-cv-content-item pt-cv-1-col\" ><div class='pt-cv-ifield'><a href=\"https:\/\/www.dmsjuridica.com\/buscador_20179478954\/corteconstitucionalcronologico202454587\/t-265-04\/\" class=\"_self pt-cv-href-thumbnail pt-cv-thumb-default\" target=\"_self\" ><\/a>\n<div class=\"pt-cv-taxoterm above_title\"><a href='https:\/\/www.dmsjuridica.com\/buscador_20179478954\/corteconstitucionalcronologico202454587\/category\/buscar-en-toda-la-corte\/2004\/tutelas-2004\/' title='Tutelas 2004' class='pt-cv-tax-tutelas-2004'>Tutelas 2004<\/a><\/div>\n<h4 class=\"pt-cv-title\"><a href=\"https:\/\/www.dmsjuridica.com\/buscador_20179478954\/corteconstitucionalcronologico202454587\/t-265-04\/\" class=\"_self\" target=\"_self\" >T-265-04<\/a><\/h4>\n<div class=\"pt-cv-content\">\u00a0 \u00a0 Sentencia T-265\/04 \u00a0 CONTRATO DE MEDICINA PREPAGADA-Naturaleza jur\u00eddica\/CONTRATO DE MEDICINA PREPAGADA-Exclusiones \u00a0 En virtud de los principios de la buena fe y la seguridad jur\u00eddica, las partes deben sujetarse estrictamente a las cl\u00e1usulas que con claridad han sido estipuladas por las partes en el contrato de medicina prepagada suscrito, y concretamente a las exclusiones de cobertura de algunos procedimientos que se encuentren expresamente pactadas en el documento contractual, por tratarse de ley para las partes. \u00a0 CONTRATO DE MEDICINA PREPAGADA-No puede ordenarse por el Juez suministro de medicamentos y de aparato m\u00e9dico con recobro al Fosyga \u00a0 No ...<br \/><div class=\"pt-cv-rmwrap\"><a href=\"https:\/\/www.dmsjuridica.com\/buscador_20179478954\/corteconstitucionalcronologico202454587\/t-265-04\/\" class=\"_self pt-cv-readmore btn btn-success\" target=\"_self\">Ver Sentencia Completa...<\/a><\/div><\/div><\/div><\/div>\n<div class=\"col-md-12 col-sm-12 col-xs-12 pt-cv-content-item pt-cv-1-col\" ><div class='pt-cv-ifield'><a href=\"https:\/\/www.dmsjuridica.com\/buscador_20179478954\/corteconstitucionalcronologico202454587\/t-264-04\/\" class=\"_self pt-cv-href-thumbnail pt-cv-thumb-default\" target=\"_self\" ><\/a>\n<div class=\"pt-cv-taxoterm above_title\"><a href='https:\/\/www.dmsjuridica.com\/buscador_20179478954\/corteconstitucionalcronologico202454587\/category\/buscar-en-toda-la-corte\/2004\/tutelas-2004\/' title='Tutelas 2004' class='pt-cv-tax-tutelas-2004'>Tutelas 2004<\/a><\/div>\n<h4 class=\"pt-cv-title\"><a href=\"https:\/\/www.dmsjuridica.com\/buscador_20179478954\/corteconstitucionalcronologico202454587\/t-264-04\/\" class=\"_self\" target=\"_self\" >T-264-04<\/a><\/h4>\n<div class=\"pt-cv-content\">\u00a0 \u00a0 Sentencia T-264\/04 \u00a0 INAPLICACION DE NORMAS DEL PLAN OBLIGATORIO DE SALUD-Suministro de medicamentos \u00a0 ADMINISTRADORA DEL REGIMEN SUBSIDIADO-Suministro de medicamentos \u00a0 Frente a aquellos casos en los cuales las A.R.S. no est\u00e1n obligadas a realizar intervenciones quir\u00fargicas o a suministrar medicamentos al no estar incluidos en el Plan Obligatorio de Salud Subsidiado POS-S, la Corte ha dispuesto que la protecci\u00f3n de los derechos fundamentales invocados por los accionantes puede llevarse a cabo de dos maneras: i) mediante la orden a la A.R.S. para que realice la intervenci\u00f3n o suministre los medicamentos, evento en el cual se autoriza a ...<br \/><div class=\"pt-cv-rmwrap\"><a href=\"https:\/\/www.dmsjuridica.com\/buscador_20179478954\/corteconstitucionalcronologico202454587\/t-264-04\/\" class=\"_self pt-cv-readmore btn btn-success\" target=\"_self\">Ver Sentencia Completa...<\/a><\/div><\/div><\/div><\/div>\n<div class=\"col-md-12 col-sm-12 col-xs-12 pt-cv-content-item pt-cv-1-col\" ><div class='pt-cv-ifield'><a href=\"https:\/\/www.dmsjuridica.com\/buscador_20179478954\/corteconstitucionalcronologico202454587\/t-263-04\/\" class=\"_self pt-cv-href-thumbnail pt-cv-thumb-default\" target=\"_self\" ><\/a>\n<div class=\"pt-cv-taxoterm above_title\"><a href='https:\/\/www.dmsjuridica.com\/buscador_20179478954\/corteconstitucionalcronologico202454587\/category\/buscar-en-toda-la-corte\/2004\/tutelas-2004\/' title='Tutelas 2004' class='pt-cv-tax-tutelas-2004'>Tutelas 2004<\/a><\/div>\n<h4 class=\"pt-cv-title\"><a href=\"https:\/\/www.dmsjuridica.com\/buscador_20179478954\/corteconstitucionalcronologico202454587\/t-263-04\/\" class=\"_self\" target=\"_self\" >T-263-04<\/a><\/h4>\n<div class=\"pt-cv-content\">\u00a0 \u00a0 Sentencia T-263\/04 \u00a0 ENTIDAD BANCARIA-Error en la reliquidaci\u00f3n de un cr\u00e9dito\/ACTO PROPIO-Respeto\/ACTO PROPIO-Condiciones para su aplicaci\u00f3n\/DEBIDO PROCESO-Vulneraci\u00f3n por Granahorrar por error en la reliquidaci\u00f3n de un cr\u00e9dito por cuento alivio s\u00f3lo operaba para financiaci\u00f3n de vivienda\/ACCION DE TUTELA-Improcedencia en caso de reliquidaci\u00f3n de cr\u00e9dito por cuanto demandante inici\u00f3 proceso civil \u00a0 En el presente caso se observa por la Corte, que al parecer el Banco Granahorrar al aplicar un alivio al cr\u00e9dito del demandante cometi\u00f3 un error, porque la aplicaci\u00f3n de dichos alivios opera frente a cr\u00e9ditos hipotecarios para financiaci\u00f3n de vivienda, seg\u00fan lo dispone la Ley 546 ...<br \/><div class=\"pt-cv-rmwrap\"><a href=\"https:\/\/www.dmsjuridica.com\/buscador_20179478954\/corteconstitucionalcronologico202454587\/t-263-04\/\" class=\"_self pt-cv-readmore btn btn-success\" target=\"_self\">Ver Sentencia Completa...<\/a><\/div><\/div><\/div><\/div>\n<div class=\"col-md-12 col-sm-12 col-xs-12 pt-cv-content-item pt-cv-1-col\" ><div class='pt-cv-ifield'><a href=\"https:\/\/www.dmsjuridica.com\/buscador_20179478954\/corteconstitucionalcronologico202454587\/t-262-04\/\" class=\"_self pt-cv-href-thumbnail pt-cv-thumb-default\" target=\"_self\" ><\/a>\n<div class=\"pt-cv-taxoterm above_title\"><a href='https:\/\/www.dmsjuridica.com\/buscador_20179478954\/corteconstitucionalcronologico202454587\/category\/buscar-en-toda-la-corte\/2004\/tutelas-2004\/' title='Tutelas 2004' class='pt-cv-tax-tutelas-2004'>Tutelas 2004<\/a><\/div>\n<h4 class=\"pt-cv-title\"><a href=\"https:\/\/www.dmsjuridica.com\/buscador_20179478954\/corteconstitucionalcronologico202454587\/t-262-04\/\" class=\"_self\" target=\"_self\" >T-262-04<\/a><\/h4>\n<div class=\"pt-cv-content\">\u00a0 \u00a0 Sentencia T-262\/04 \u00a0 ACCION DE TUTELA-Procedencia excepcional pago de acreencias laborales \u00a0 Referencia: expediente T-821968 \u00a0 Acci\u00f3n de tutela instaurada por \u00c1lvaro Hern\u00e1ndez Gonz\u00e1lez contra la Empresa Municipal de Servicios Varios de Barrancabermeja. \u00a0 Magistrada Ponente: \u00a0 Dra. CLARA IN\u00c9S VARGAS HERN\u00c1NDEZ \u00a0 Bogot\u00e1, D. C., \u00a0diecisiete (17) de marzo de dos mil cuatro (2004). \u00a0 La Sala Novena de Revisi\u00f3n de la Corte Constitucional, integrada por los Magistrados CLARA IN\u00c9S VARGAS HERN\u00c1NDEZ, JAIME ARAUJO RENTER\u00cdA y ALFREDO BELTR\u00c1N SIERRA, en ejercicio de sus competencias constitucionales y legales, en particular las previstas en los art\u00edculos 86 y 241, ...<br \/><div class=\"pt-cv-rmwrap\"><a href=\"https:\/\/www.dmsjuridica.com\/buscador_20179478954\/corteconstitucionalcronologico202454587\/t-262-04\/\" class=\"_self pt-cv-readmore btn btn-success\" target=\"_self\">Ver Sentencia Completa...<\/a><\/div><\/div><\/div><\/div>\n<div class=\"col-md-12 col-sm-12 col-xs-12 pt-cv-content-item pt-cv-1-col\" ><div class='pt-cv-ifield'><a href=\"https:\/\/www.dmsjuridica.com\/buscador_20179478954\/corteconstitucionalcronologico202454587\/t-261-04\/\" class=\"_self pt-cv-href-thumbnail pt-cv-thumb-default\" target=\"_self\" ><\/a>\n<div class=\"pt-cv-taxoterm above_title\"><a href='https:\/\/www.dmsjuridica.com\/buscador_20179478954\/corteconstitucionalcronologico202454587\/category\/buscar-en-toda-la-corte\/2004\/tutelas-2004\/' title='Tutelas 2004' class='pt-cv-tax-tutelas-2004'>Tutelas 2004<\/a><\/div>\n<h4 class=\"pt-cv-title\"><a href=\"https:\/\/www.dmsjuridica.com\/buscador_20179478954\/corteconstitucionalcronologico202454587\/t-261-04\/\" class=\"_self\" target=\"_self\" >T-261-04<\/a><\/h4>\n<div class=\"pt-cv-content\">\u00a0 \u00a0 Sentencia T-261\/04 \u00a0 ACCION DE TUTELA-Procedencia excepcional pago de acreencias laborales \u00a0 Referencia: expediente T-822108 \u00a0 Acci\u00f3n de tutela instaurada por Teresa Vallares Flori\u00e1n Contra el Hospital San Salvador de Chiquinquir\u00e1. \u00a0 Magistrada Ponente: \u00a0 Dra. CLARA IN\u00c9S VARGAS HERN\u00c1NDEZ \u00a0 Bogot\u00e1, D. C., \u00a0diecisiete (17) de marzo de dos mil cuatro (2004). \u00a0 La Sala Novena de Revisi\u00f3n de la Corte Constitucional, integrada por los Magistrados CLARA IN\u00c9S VARGAS HERN\u00c1NDEZ, JAIME ARAUJO RENTER\u00cdA y ALFREDO BELTR\u00c1N SIERRA, en ejercicio de sus competencias constitucionales y legales, en particular las previstas en los art\u00edculos 86 y 241, numeral 9 ...<br \/><div class=\"pt-cv-rmwrap\"><a href=\"https:\/\/www.dmsjuridica.com\/buscador_20179478954\/corteconstitucionalcronologico202454587\/t-261-04\/\" class=\"_self pt-cv-readmore btn btn-success\" target=\"_self\">Ver Sentencia Completa...<\/a><\/div><\/div><\/div><\/div>\n<div class=\"col-md-12 col-sm-12 col-xs-12 pt-cv-content-item pt-cv-1-col\" ><div class='pt-cv-ifield'><a href=\"https:\/\/www.dmsjuridica.com\/buscador_20179478954\/corteconstitucionalcronologico202454587\/t-260-04\/\" class=\"_self pt-cv-href-thumbnail pt-cv-thumb-default\" target=\"_self\" ><\/a>\n<div class=\"pt-cv-taxoterm above_title\"><a href='https:\/\/www.dmsjuridica.com\/buscador_20179478954\/corteconstitucionalcronologico202454587\/category\/buscar-en-toda-la-corte\/2004\/tutelas-2004\/' title='Tutelas 2004' class='pt-cv-tax-tutelas-2004'>Tutelas 2004<\/a><\/div>\n<h4 class=\"pt-cv-title\"><a href=\"https:\/\/www.dmsjuridica.com\/buscador_20179478954\/corteconstitucionalcronologico202454587\/t-260-04\/\" class=\"_self\" target=\"_self\" >T-260-04<\/a><\/h4>\n<div class=\"pt-cv-content\">\u00a0 \u00a0 Sentencia T-260\/04 \u00a0 DERECHO A LA SALUD DEL ENFERMO DE SIDA-Examen de carga viral y CD4 \u00a0 Reiteraci\u00f3n de jurisprudencia \u00a0 Referencia: expediente T-816662 \u00a0 Acci\u00f3n de tutela instaurada por Gabriel Vargas Rodr\u00edguez contra E.P.S. Instituto de Seguros Sociales Seccional Cundinamarca y D. C. \u00a0 Magistrado Ponente: \u00a0 Dra. CLARA IN\u00c9S VARGAS HERN\u00c1NDEZ \u00a0 Bogot\u00e1 D. C., diecisiete (17) de marzo de dos mil cuatro (2004). \u00a0 La Sala Novena de Revisi\u00f3n de Tutelas de la Corte Constitucional, conformada por los Magistrados CLARA IN\u00c9S VARGAS HERN\u00c1NDEZ, JAIME ARA\u00daJO RENTER\u00cdA y ALFREDO BELTR\u00c1N SIERRA, en ejercicio de sus competencias ...<br \/><div class=\"pt-cv-rmwrap\"><a href=\"https:\/\/www.dmsjuridica.com\/buscador_20179478954\/corteconstitucionalcronologico202454587\/t-260-04\/\" class=\"_self pt-cv-readmore btn btn-success\" target=\"_self\">Ver Sentencia Completa...<\/a><\/div><\/div><\/div><\/div>\n<div class=\"col-md-12 col-sm-12 col-xs-12 pt-cv-content-item pt-cv-1-col\" ><div class='pt-cv-ifield'><a href=\"https:\/\/www.dmsjuridica.com\/buscador_20179478954\/corteconstitucionalcronologico202454587\/t-259-04\/\" class=\"_self pt-cv-href-thumbnail pt-cv-thumb-default\" target=\"_self\" ><\/a>\n<div class=\"pt-cv-taxoterm above_title\"><a href='https:\/\/www.dmsjuridica.com\/buscador_20179478954\/corteconstitucionalcronologico202454587\/category\/buscar-en-toda-la-corte\/2004\/tutelas-2004\/' title='Tutelas 2004' class='pt-cv-tax-tutelas-2004'>Tutelas 2004<\/a><\/div>\n<h4 class=\"pt-cv-title\"><a href=\"https:\/\/www.dmsjuridica.com\/buscador_20179478954\/corteconstitucionalcronologico202454587\/t-259-04\/\" class=\"_self\" target=\"_self\" >T-259-04<\/a><\/h4>\n<div class=\"pt-cv-content\">\u00a0 \u00a0 Sentencia T-259\/04 \u00a0 DERECHO DE PETICION-Elementos del n\u00facleo conceptual \u00a0 El derecho de petici\u00f3n, consagrado en el art\u00edculo 23 de la Constituci\u00f3n Pol\u00edtica como derecho fundamental de aplicaci\u00f3n inmediata, se concreta en la posibilidad que tiene el ciudadano de i) elevar peticiones respetuosas ante los diferentes entes del poder p\u00fablico y ii) la obligaci\u00f3n de la administraci\u00f3n para resolverlas dentro de los t\u00e9rminos legales que el legislador ha determinado para ello, seg\u00fan sea el caso. De \u00e9sta manera, pueden identificarse los componentes elementales del n\u00facleo conceptual del derecho de petici\u00f3n que protege la Carta Fundamental de 1991, consistentes ...<br \/><div class=\"pt-cv-rmwrap\"><a href=\"https:\/\/www.dmsjuridica.com\/buscador_20179478954\/corteconstitucionalcronologico202454587\/t-259-04\/\" class=\"_self pt-cv-readmore btn btn-success\" target=\"_self\">Ver Sentencia Completa...<\/a><\/div><\/div><\/div><\/div>\n<div class=\"col-md-12 col-sm-12 col-xs-12 pt-cv-content-item pt-cv-1-col\" ><div class='pt-cv-ifield'><a href=\"https:\/\/www.dmsjuridica.com\/buscador_20179478954\/corteconstitucionalcronologico202454587\/t-258-04\/\" class=\"_self pt-cv-href-thumbnail pt-cv-thumb-default\" target=\"_self\" ><\/a>\n<div class=\"pt-cv-taxoterm above_title\"><a href='https:\/\/www.dmsjuridica.com\/buscador_20179478954\/corteconstitucionalcronologico202454587\/category\/buscar-en-toda-la-corte\/2004\/tutelas-2004\/' title='Tutelas 2004' class='pt-cv-tax-tutelas-2004'>Tutelas 2004<\/a><\/div>\n<h4 class=\"pt-cv-title\"><a href=\"https:\/\/www.dmsjuridica.com\/buscador_20179478954\/corteconstitucionalcronologico202454587\/t-258-04\/\" class=\"_self\" target=\"_self\" >T-258-04<\/a><\/h4>\n<div class=\"pt-cv-content\">\u00a0 \u00a0 Sentencia T-258\/04 \u00a0 DERECHO A LA SALUD DEL MENOR-Pr\u00e1ctica de resonancia magn\u00e9tica\/DERECHO A LA CONTINUIDAD EN EL TRATAMIENTO PRESCRITO POR EL MEDICO TRATANTE-Resonancia magn\u00e9tica se orden\u00f3 desde nacimiento del ni\u00f1o\/DERECHO A LA SALUD DEL MENOR-Tr\u00e1mite administrativo que demora pr\u00e1ctica de resonancia magn\u00e9tica \u00a0 Es claro que no se compadece con las actuales condiciones de salud del menor ni con el imperativo que demanda la protecci\u00f3n prevalente de sus derechos fundamentales. La demora en atender un problema de salud padecido por un menor de dos a\u00f1os pone en riesgo su vida. La entidad deber\u00e1 proceder a autorizar la prueba ...<br \/><div class=\"pt-cv-rmwrap\"><a href=\"https:\/\/www.dmsjuridica.com\/buscador_20179478954\/corteconstitucionalcronologico202454587\/t-258-04\/\" class=\"_self pt-cv-readmore btn btn-success\" target=\"_self\">Ver Sentencia Completa...<\/a><\/div><\/div><\/div><\/div>\n<div class=\"col-md-12 col-sm-12 col-xs-12 pt-cv-content-item pt-cv-1-col\" ><div class='pt-cv-ifield'><a href=\"https:\/\/www.dmsjuridica.com\/buscador_20179478954\/corteconstitucionalcronologico202454587\/t-257-04\/\" class=\"_self pt-cv-href-thumbnail pt-cv-thumb-default\" target=\"_self\" ><\/a>\n<div class=\"pt-cv-taxoterm above_title\"><a href='https:\/\/www.dmsjuridica.com\/buscador_20179478954\/corteconstitucionalcronologico202454587\/category\/buscar-en-toda-la-corte\/2004\/tutelas-2004\/' title='Tutelas 2004' class='pt-cv-tax-tutelas-2004'>Tutelas 2004<\/a><\/div>\n<h4 class=\"pt-cv-title\"><a href=\"https:\/\/www.dmsjuridica.com\/buscador_20179478954\/corteconstitucionalcronologico202454587\/t-257-04\/\" class=\"_self\" target=\"_self\" >T-257-04<\/a><\/h4>\n<div class=\"pt-cv-content\">\u00a0 \u00a0 Sentencia T-257\/04 \u00a0 ACCION DE TUTELA-Procedencia excepcional pago de acreencias laborales \u00a0 ACCION DE TUTELA-Inmediatez en caso de acreencias laborales dejadas de pagar hace m\u00e1s de seis a\u00f1os \u00a0 La Sala considera que si transcurridos seis (6) a\u00f1os desde el momento en que se present\u00f3 la supuesta vulneraci\u00f3n de los derechos a la subsistencia y al m\u00ednimo vital, se interpone la tutela, es claro que el perjuicio irremediable pierde su sentido y su protecci\u00f3n por medio de la acci\u00f3n de tutela se hace improcedente. En consecuencia, ha se se\u00f1alarse que las circunstancias expuestas en el expediente analizado, corresponden ...<br \/><div class=\"pt-cv-rmwrap\"><a href=\"https:\/\/www.dmsjuridica.com\/buscador_20179478954\/corteconstitucionalcronologico202454587\/t-257-04\/\" class=\"_self pt-cv-readmore btn btn-success\" target=\"_self\">Ver Sentencia Completa...<\/a><\/div><\/div><\/div><\/div>\n<div class=\"col-md-12 col-sm-12 col-xs-12 pt-cv-content-item pt-cv-1-col\" ><div class='pt-cv-ifield'><a href=\"https:\/\/www.dmsjuridica.com\/buscador_20179478954\/corteconstitucionalcronologico202454587\/t-256-04\/\" class=\"_self pt-cv-href-thumbnail pt-cv-thumb-default\" target=\"_self\" ><\/a>\n<div class=\"pt-cv-taxoterm above_title\"><a href='https:\/\/www.dmsjuridica.com\/buscador_20179478954\/corteconstitucionalcronologico202454587\/category\/buscar-en-toda-la-corte\/2004\/tutelas-2004\/' title='Tutelas 2004' class='pt-cv-tax-tutelas-2004'>Tutelas 2004<\/a><\/div>\n<h4 class=\"pt-cv-title\"><a href=\"https:\/\/www.dmsjuridica.com\/buscador_20179478954\/corteconstitucionalcronologico202454587\/t-256-04\/\" class=\"_self\" target=\"_self\" >T-256-04<\/a><\/h4>\n<div class=\"pt-cv-content\">\u00a0 \u00a0 Sentencia T-256\/04 \u00a0 MORA JUDICIAL-Justificaci\u00f3n por excesiva carga laboral \u00a0 La mora judicial s\u00f3lo se justifica si la autoridad correspondiente, a pesar de actuar con diligencia y celeridad, se encuentra ante situaciones \"imprevisibles e ineludibles\u201d que no le permitan cumplir con los t\u00e9rminos se\u00f1alados por la ley. Considera la Sala que las justificaciones dadas tanto por la entidad accionada como por el fiscal coordinador de la Unidad de Fiscal\u00eda Delegada ante el Tribunal Superior del Distrito Judicial son razonables y, por ello, considera la Sala que en el caso del demandante no existi\u00f3 vulneraci\u00f3n alguna del derecho al ...<br \/><div class=\"pt-cv-rmwrap\"><a href=\"https:\/\/www.dmsjuridica.com\/buscador_20179478954\/corteconstitucionalcronologico202454587\/t-256-04\/\" class=\"_self pt-cv-readmore btn btn-success\" target=\"_self\">Ver Sentencia Completa...<\/a><\/div><\/div><\/div><\/div>\n<div class=\"col-md-12 col-sm-12 col-xs-12 pt-cv-content-item pt-cv-1-col\" ><div class='pt-cv-ifield'><a href=\"https:\/\/www.dmsjuridica.com\/buscador_20179478954\/corteconstitucionalcronologico202454587\/t-255-04\/\" class=\"_self pt-cv-href-thumbnail pt-cv-thumb-default\" target=\"_self\" ><\/a>\n<div class=\"pt-cv-taxoterm above_title\"><a href='https:\/\/www.dmsjuridica.com\/buscador_20179478954\/corteconstitucionalcronologico202454587\/category\/buscar-en-toda-la-corte\/2004\/tutelas-2004\/' title='Tutelas 2004' class='pt-cv-tax-tutelas-2004'>Tutelas 2004<\/a><\/div>\n<h4 class=\"pt-cv-title\"><a href=\"https:\/\/www.dmsjuridica.com\/buscador_20179478954\/corteconstitucionalcronologico202454587\/t-255-04\/\" class=\"_self\" target=\"_self\" >T-255-04<\/a><\/h4>\n<div class=\"pt-cv-content\">\u00a0 \u00a0 Sentencia T-255\/04 \u00a0 PRESUNCION DE CONTRATO DE TRABAJO-Carga de la prueba se traslada al empleador \u00a0 El tutelante nunca desvirtu\u00f3 en forma fehaciente dentro del proceso ordinario la presunci\u00f3n legal de contrato de trabajo con la trabajadora demandante, por lo que mal har\u00eda en pretender ahora en el curso de la acci\u00f3n de tutela que se declare la v\u00eda de hecho por defecto f\u00e1ctico que nunca existi\u00f3, ya que las pruebas aportadas a la actuaci\u00f3n fueron valoradas en forma razonable por los jueces de instancia llegando a la conclusi\u00f3n de las existencia de un contrato de trabajo. Al ...<br \/><div class=\"pt-cv-rmwrap\"><a href=\"https:\/\/www.dmsjuridica.com\/buscador_20179478954\/corteconstitucionalcronologico202454587\/t-255-04\/\" class=\"_self pt-cv-readmore btn btn-success\" target=\"_self\">Ver Sentencia Completa...<\/a><\/div><\/div><\/div><\/div>\n<div class=\"col-md-12 col-sm-12 col-xs-12 pt-cv-content-item pt-cv-1-col\" ><div class='pt-cv-ifield'><a href=\"https:\/\/www.dmsjuridica.com\/buscador_20179478954\/corteconstitucionalcronologico202454587\/t-254-04\/\" class=\"_self pt-cv-href-thumbnail pt-cv-thumb-default\" target=\"_self\" ><\/a>\n<div class=\"pt-cv-taxoterm above_title\"><a href='https:\/\/www.dmsjuridica.com\/buscador_20179478954\/corteconstitucionalcronologico202454587\/category\/buscar-en-toda-la-corte\/2004\/tutelas-2004\/' title='Tutelas 2004' class='pt-cv-tax-tutelas-2004'>Tutelas 2004<\/a><\/div>\n<h4 class=\"pt-cv-title\"><a href=\"https:\/\/www.dmsjuridica.com\/buscador_20179478954\/corteconstitucionalcronologico202454587\/t-254-04\/\" class=\"_self\" target=\"_self\" >T-254-04<\/a><\/h4>\n<div class=\"pt-cv-content\">\u00a0 \u00a0 Sentencia T-254\/04 \u00a0 ENFERMEDADES CATASTROFICAS O RUINOSAS-Suministro de tratamientos por EPS sin cumplir periodo m\u00ednimo de cotizaci\u00f3n\/ENTIDAD PROMOTORA DE SALUD-Repetici\u00f3n para recuperar valores no obligado a sufragar \/ACCION DE TUTELA-Fallecimiento del enfermo\u00a0 \u00a0 Esta Sala considera menester recordar que para casos como el presente, el pago del porcentaje correspondiente al n\u00famero de semanas cotizadas, no puede convertirse en un obst\u00e1culo para la prestaci\u00f3n del servicio y la continuidad del mismo. A pesar de que aparece probado en el expediente que el deceso no obedeci\u00f3 en modo alguno a negligencia por parte del ente demandado, pues \u00e9ste le brind\u00f3 ...<br \/><div class=\"pt-cv-rmwrap\"><a href=\"https:\/\/www.dmsjuridica.com\/buscador_20179478954\/corteconstitucionalcronologico202454587\/t-254-04\/\" class=\"_self pt-cv-readmore btn btn-success\" target=\"_self\">Ver Sentencia Completa...<\/a><\/div><\/div><\/div><\/div>\n<div class=\"col-md-12 col-sm-12 col-xs-12 pt-cv-content-item pt-cv-1-col\" ><div class='pt-cv-ifield'><a href=\"https:\/\/www.dmsjuridica.com\/buscador_20179478954\/corteconstitucionalcronologico202454587\/t-253-04\/\" class=\"_self pt-cv-href-thumbnail pt-cv-thumb-default\" target=\"_self\" ><\/a>\n<div class=\"pt-cv-taxoterm above_title\"><a href='https:\/\/www.dmsjuridica.com\/buscador_20179478954\/corteconstitucionalcronologico202454587\/category\/buscar-en-toda-la-corte\/2004\/tutelas-2004\/' title='Tutelas 2004' class='pt-cv-tax-tutelas-2004'>Tutelas 2004<\/a><\/div>\n<h4 class=\"pt-cv-title\"><a href=\"https:\/\/www.dmsjuridica.com\/buscador_20179478954\/corteconstitucionalcronologico202454587\/t-253-04\/\" class=\"_self\" target=\"_self\" >T-253-04<\/a><\/h4>\n<div class=\"pt-cv-content\">\u00a0 \u00a0 Sentencia T-253\/04 \u00a0 ENFERMEDADES CATASTROFICAS O RUINOSAS-Suministro de tratamientos por EPS sin cumplir periodo m\u00ednimo de cotizaci\u00f3n\/ENTIDAD PROMOTORA DE SALUD-Repetici\u00f3n para recuperar valores no obligada a sufragar\/ACCION DE TUTELA-Fallecimiento del enfermo \u00a0 Esta Sala pone de presente la jurisprudencia de la Corte, seg\u00fan la cual el debate que se presenta entre las Entidades Promotoras de Salud y el afiliado que requiere tratamiento porque se le ha diagnosticado una enfermedad catastr\u00f3fica o ruinosa, y que no ha cotizado el n\u00famero de semanas que la ley se\u00f1ala, ha sido resuelto en el sentido de que estando demostrada la situaci\u00f3n de ...<br \/><div class=\"pt-cv-rmwrap\"><a href=\"https:\/\/www.dmsjuridica.com\/buscador_20179478954\/corteconstitucionalcronologico202454587\/t-253-04\/\" class=\"_self pt-cv-readmore btn btn-success\" target=\"_self\">Ver Sentencia Completa...<\/a><\/div><\/div><\/div><\/div>\n<div class=\"col-md-12 col-sm-12 col-xs-12 pt-cv-content-item pt-cv-1-col\" ><div class='pt-cv-ifield'><a href=\"https:\/\/www.dmsjuridica.com\/buscador_20179478954\/corteconstitucionalcronologico202454587\/t-244-04\/\" class=\"_self pt-cv-href-thumbnail pt-cv-thumb-default\" target=\"_self\" ><\/a>\n<div class=\"pt-cv-taxoterm above_title\"><a href='https:\/\/www.dmsjuridica.com\/buscador_20179478954\/corteconstitucionalcronologico202454587\/category\/buscar-en-toda-la-corte\/2004\/tutelas-2004\/' title='Tutelas 2004' class='pt-cv-tax-tutelas-2004'>Tutelas 2004<\/a><\/div>\n<h4 class=\"pt-cv-title\"><a href=\"https:\/\/www.dmsjuridica.com\/buscador_20179478954\/corteconstitucionalcronologico202454587\/t-244-04\/\" class=\"_self\" target=\"_self\" >T-244-04<\/a><\/h4>\n<div class=\"pt-cv-content\">\u00a0 \u00a0 Sentencia T-244\/04 \u00a0 ACCION DE TUTELA-Procedencia excepcional pago de mesadas pensionales \u00a0 ACCION DE TUTELA-Criterios para admitir procedencia excepcional pago de acreencias laborales \u00a0 En la Sentencia SU-995 de 1999 se establecieron los criterios que debe tener en cuenta el juez constitucional para admitir la procedencia del amparo tendiente a la cancelaci\u00f3n de acreencias laborales. a) El primero de ellos es que con la falta de pago de salarios se evidencie una vulneraci\u00f3n de los derechos fundamentales del trabajador, lo que se verifica estimando si la suma adeudada es su fuente econ\u00f3mica exclusiva, ya que en ausencia de ...<br \/><div class=\"pt-cv-rmwrap\"><a href=\"https:\/\/www.dmsjuridica.com\/buscador_20179478954\/corteconstitucionalcronologico202454587\/t-244-04\/\" class=\"_self pt-cv-readmore btn btn-success\" target=\"_self\">Ver Sentencia Completa...<\/a><\/div><\/div><\/div><\/div>\n<div class=\"col-md-12 col-sm-12 col-xs-12 pt-cv-content-item pt-cv-1-col\" ><div class='pt-cv-ifield'><a href=\"https:\/\/www.dmsjuridica.com\/buscador_20179478954\/corteconstitucionalcronologico202454587\/t-243-04\/\" class=\"_self pt-cv-href-thumbnail pt-cv-thumb-default\" target=\"_self\" ><\/a>\n<div class=\"pt-cv-taxoterm above_title\"><a href='https:\/\/www.dmsjuridica.com\/buscador_20179478954\/corteconstitucionalcronologico202454587\/category\/buscar-en-toda-la-corte\/2004\/tutelas-2004\/' title='Tutelas 2004' class='pt-cv-tax-tutelas-2004'>Tutelas 2004<\/a><\/div>\n<h4 class=\"pt-cv-title\"><a href=\"https:\/\/www.dmsjuridica.com\/buscador_20179478954\/corteconstitucionalcronologico202454587\/t-243-04\/\" class=\"_self\" target=\"_self\" >T-243-04<\/a><\/h4>\n<div class=\"pt-cv-content\">\u00a0 \u00a0 sentencia T-243\/04 \u00a0 ACCION DE TUTELA CONTRA SECRETARIA DE SALUD-Improcedencia por no estar acreditada vulneraci\u00f3n de derechos fundamentales \u00a0 Referencia: expediente T-820911 \u00a0 Acci\u00f3n de tutela incoada por Jonh Fredy Alvarez Cuenca contra la Secretar\u00eda de Salud de Bogot\u00e1, D.C., y otro \u00a0 Magistrado Ponente: \u00a0 Dr. JAIME C\u00d3RDOBA TRIVI\u00d1O \u00a0 La Sala Cuarta de Revisi\u00f3n de la Corte Constitucional, en ejercicio de sus competencias constitucionales y legales, espec\u00edficamente las previstas en los art\u00edculos 86 y 241, numeral 9, de la Constituci\u00f3n Pol\u00edtica y en el Decreto 2591 de 1991, ha proferido la siguiente \u00a0 \u00a0 SENTENCIA \u00a0 ...<br \/><div class=\"pt-cv-rmwrap\"><a href=\"https:\/\/www.dmsjuridica.com\/buscador_20179478954\/corteconstitucionalcronologico202454587\/t-243-04\/\" class=\"_self pt-cv-readmore btn btn-success\" target=\"_self\">Ver Sentencia Completa...<\/a><\/div><\/div><\/div><\/div>\n<div class=\"col-md-12 col-sm-12 col-xs-12 pt-cv-content-item pt-cv-1-col\" ><div class='pt-cv-ifield'><a href=\"https:\/\/www.dmsjuridica.com\/buscador_20179478954\/corteconstitucionalcronologico202454587\/t-242-04\/\" class=\"_self pt-cv-href-thumbnail pt-cv-thumb-default\" target=\"_self\" ><\/a>\n<div class=\"pt-cv-taxoterm above_title\"><a href='https:\/\/www.dmsjuridica.com\/buscador_20179478954\/corteconstitucionalcronologico202454587\/category\/buscar-en-toda-la-corte\/2004\/tutelas-2004\/' title='Tutelas 2004' class='pt-cv-tax-tutelas-2004'>Tutelas 2004<\/a><\/div>\n<h4 class=\"pt-cv-title\"><a href=\"https:\/\/www.dmsjuridica.com\/buscador_20179478954\/corteconstitucionalcronologico202454587\/t-242-04\/\" class=\"_self\" target=\"_self\" >T-242-04<\/a><\/h4>\n<div class=\"pt-cv-content\">\u00a0 \u00a0 Sentencia T-242\/04 \u00a0 ACCION DE TUTELA TEMERARIA-Inexistencia por condiciones distintas \u00a0 Si bien es cierto en esta ocasi\u00f3n la accionante presenta otra tutela contra la misma entidad, tambi\u00e9n lo es que, no obstante referirse en ambas oportunidades a su dificultad de procrear, las circunstancias han variado, en cuanto los ex\u00e1menes ya le fueron practicados, el tratamiento para la infertilidad ya comenz\u00f3 y lo pretendido es que la E.P.S. le contin\u00fae el mismo. En esa medida existen diferencias de fondo entre los hechos y pretensiones que sirvieron de base a la primera tutela y los que son objeto de ...<br \/><div class=\"pt-cv-rmwrap\"><a href=\"https:\/\/www.dmsjuridica.com\/buscador_20179478954\/corteconstitucionalcronologico202454587\/t-242-04\/\" class=\"_self pt-cv-readmore btn btn-success\" target=\"_self\">Ver Sentencia Completa...<\/a><\/div><\/div><\/div><\/div>\n<div class=\"col-md-12 col-sm-12 col-xs-12 pt-cv-content-item pt-cv-1-col\" ><div class='pt-cv-ifield'><a href=\"https:\/\/www.dmsjuridica.com\/buscador_20179478954\/corteconstitucionalcronologico202454587\/t-241-04\/\" class=\"_self pt-cv-href-thumbnail pt-cv-thumb-default\" target=\"_self\" ><\/a>\n<div class=\"pt-cv-taxoterm above_title\"><a href='https:\/\/www.dmsjuridica.com\/buscador_20179478954\/corteconstitucionalcronologico202454587\/category\/buscar-en-toda-la-corte\/2004\/tutelas-2004\/' title='Tutelas 2004' class='pt-cv-tax-tutelas-2004'>Tutelas 2004<\/a><\/div>\n<h4 class=\"pt-cv-title\"><a href=\"https:\/\/www.dmsjuridica.com\/buscador_20179478954\/corteconstitucionalcronologico202454587\/t-241-04\/\" class=\"_self\" target=\"_self\" >T-241-04<\/a><\/h4>\n<div class=\"pt-cv-content\">\u00a0 \u00a0 Sentencia T-241\/04 \u00a0 PROCESO DISCIPLINARIO-Simultaneidad entre apertura de investigaci\u00f3n y suspensi\u00f3n provisional del cargo \u00a0 La simultaneidad resulta compatible con el r\u00e9gimen legal de esas instituciones: La Corte ya resalt\u00f3 c\u00f3mo, seg\u00fan el art\u00edculo 157 de la Ley 734 de 2002, la suspensi\u00f3n provisional procede durante la investigaci\u00f3n y el juzgamiento. Luego, si ello es as\u00ed, nada se opone que tal medida cautelar se adopte en el auto de apertura de investigaci\u00f3n disciplinaria. Adem\u00e1s, como se trata de una decisi\u00f3n de inmediato cumplimiento, no se incurre en irregularidad alguna si se promueve el cumplimiento de esa medida de ...<br \/><div class=\"pt-cv-rmwrap\"><a href=\"https:\/\/www.dmsjuridica.com\/buscador_20179478954\/corteconstitucionalcronologico202454587\/t-241-04\/\" class=\"_self pt-cv-readmore btn btn-success\" target=\"_self\">Ver Sentencia Completa...<\/a><\/div><\/div><\/div><\/div>\n<div class=\"col-md-12 col-sm-12 col-xs-12 pt-cv-content-item pt-cv-1-col\" ><div class='pt-cv-ifield'><a href=\"https:\/\/www.dmsjuridica.com\/buscador_20179478954\/corteconstitucionalcronologico202454587\/t-240-04\/\" class=\"_self pt-cv-href-thumbnail pt-cv-thumb-default\" target=\"_self\" ><\/a>\n<div class=\"pt-cv-taxoterm above_title\"><a href='https:\/\/www.dmsjuridica.com\/buscador_20179478954\/corteconstitucionalcronologico202454587\/category\/buscar-en-toda-la-corte\/2004\/tutelas-2004\/' title='Tutelas 2004' class='pt-cv-tax-tutelas-2004'>Tutelas 2004<\/a><\/div>\n<h4 class=\"pt-cv-title\"><a href=\"https:\/\/www.dmsjuridica.com\/buscador_20179478954\/corteconstitucionalcronologico202454587\/t-240-04\/\" class=\"_self\" target=\"_self\" >T-240-04<\/a><\/h4>\n<div class=\"pt-cv-content\">\u00a0 \u00a0 Sentencia T-240\/04 \u00a0 FALTA DE LEGITIMACION POR ACTIVA EN TUTELA-Sindicato que no interviene en proceso de nulidad de norma y que considera vulnerado derecho con la sentencia proferida \u00a0 El que se tenga inter\u00e9s en un proceso determinado no se traduce necesariamente en la legitimidad para actuar en tutela contra las sentencias que all\u00ed se profieran, por cuanto en estos casos la tutela no impone un proceso desconectado del ordinario, en la medida en que la afectaci\u00f3n del debido proceso se concreta durante el tr\u00e1mite judicial correspondiente, frente a quienes all\u00ed intervengan. Tal apreciaci\u00f3n coincide con la posici\u00f3n ...<br \/><div class=\"pt-cv-rmwrap\"><a href=\"https:\/\/www.dmsjuridica.com\/buscador_20179478954\/corteconstitucionalcronologico202454587\/t-240-04\/\" class=\"_self pt-cv-readmore btn btn-success\" target=\"_self\">Ver Sentencia Completa...<\/a><\/div><\/div><\/div><\/div>\n<div class=\"col-md-12 col-sm-12 col-xs-12 pt-cv-content-item pt-cv-1-col\" ><div class='pt-cv-ifield'><a href=\"https:\/\/www.dmsjuridica.com\/buscador_20179478954\/corteconstitucionalcronologico202454587\/t-239-04\/\" class=\"_self pt-cv-href-thumbnail pt-cv-thumb-default\" target=\"_self\" ><\/a>\n<div class=\"pt-cv-taxoterm above_title\"><a href='https:\/\/www.dmsjuridica.com\/buscador_20179478954\/corteconstitucionalcronologico202454587\/category\/buscar-en-toda-la-corte\/2004\/tutelas-2004\/' title='Tutelas 2004' class='pt-cv-tax-tutelas-2004'>Tutelas 2004<\/a><\/div>\n<h4 class=\"pt-cv-title\"><a href=\"https:\/\/www.dmsjuridica.com\/buscador_20179478954\/corteconstitucionalcronologico202454587\/t-239-04\/\" class=\"_self\" target=\"_self\" >T-239-04<\/a><\/h4>\n<div class=\"pt-cv-content\">\u00a0 \u00a0 Sentencia T-239\/04 \u00a0 DERECHO A LA SALUD DE PERSONA QUE PADECIO CANCER-Debe ser remitida por la EPS al servicio de oncolog\u00eda \u00a0 Se est\u00e1 ante una paciente que ya padeci\u00f3 c\u00e1ncer de seno y que en raz\u00f3n de ello fue sometida a un tratamiento que comprendi\u00f3 realizaci\u00f3n de biopsias, una mastectom\u00eda radical modificada, quimioterapia, radioterapia y tratamiento de recuperaci\u00f3n. Por lo tanto la solicitud que realiza para que sea evaluada por oncolog\u00eda es fundada, mucho m\u00e1s si reporta cambios en su organismo que pueden deberse a un c\u00e1ncer recurrente. En casos como el presente, en los que se ...<br \/><div class=\"pt-cv-rmwrap\"><a href=\"https:\/\/www.dmsjuridica.com\/buscador_20179478954\/corteconstitucionalcronologico202454587\/t-239-04\/\" class=\"_self pt-cv-readmore btn btn-success\" target=\"_self\">Ver Sentencia Completa...<\/a><\/div><\/div><\/div><\/div>\n<div class=\"col-md-12 col-sm-12 col-xs-12 pt-cv-content-item pt-cv-1-col\" ><div class='pt-cv-ifield'><a href=\"https:\/\/www.dmsjuridica.com\/buscador_20179478954\/corteconstitucionalcronologico202454587\/t-238-04\/\" class=\"_self pt-cv-href-thumbnail pt-cv-thumb-default\" target=\"_self\" ><\/a>\n<div class=\"pt-cv-taxoterm above_title\"><a href='https:\/\/www.dmsjuridica.com\/buscador_20179478954\/corteconstitucionalcronologico202454587\/category\/buscar-en-toda-la-corte\/2004\/tutelas-2004\/' title='Tutelas 2004' class='pt-cv-tax-tutelas-2004'>Tutelas 2004<\/a><\/div>\n<h4 class=\"pt-cv-title\"><a href=\"https:\/\/www.dmsjuridica.com\/buscador_20179478954\/corteconstitucionalcronologico202454587\/t-238-04\/\" class=\"_self\" target=\"_self\" >T-238-04<\/a><\/h4>\n<div class=\"pt-cv-content\">\u00a0 \u00a0 Sentencia T-238\/04 \u00a0 DERECHO DE PETICION EN MATERIA PENSIONAL-T\u00e9rmino para resolver sobre reajuste de mesadas \u00a0 A la accionante ya se le reconoci\u00f3 el derecho pensional, mediante Resoluci\u00f3n No 003901 de 1997; lo que se solicita es el reajuste de las mesadas, petici\u00f3n para cuya respuesta el Seguro contaba con 15 d\u00edas los cu\u00e1les ya han transcurrido. As\u00ed las cosas, la Sala de Revisi\u00f3n considera que el Seguro Social, Seccional Bogot\u00e1, vulner\u00f3 el derecho de petici\u00f3n de la se\u00f1ora Sor Margarita Mar\u00edn de Vega al no haber respondido hasta el momento, seg\u00fan las pruebas que reposan en el ...<br \/><div class=\"pt-cv-rmwrap\"><a href=\"https:\/\/www.dmsjuridica.com\/buscador_20179478954\/corteconstitucionalcronologico202454587\/t-238-04\/\" class=\"_self pt-cv-readmore btn btn-success\" target=\"_self\">Ver Sentencia Completa...<\/a><\/div><\/div><\/div><\/div>\n<div class=\"col-md-12 col-sm-12 col-xs-12 pt-cv-content-item pt-cv-1-col\" ><div class='pt-cv-ifield'><a href=\"https:\/\/www.dmsjuridica.com\/buscador_20179478954\/corteconstitucionalcronologico202454587\/t-237-04\/\" class=\"_self pt-cv-href-thumbnail pt-cv-thumb-default\" target=\"_self\" ><\/a>\n<div class=\"pt-cv-taxoterm above_title\"><a href='https:\/\/www.dmsjuridica.com\/buscador_20179478954\/corteconstitucionalcronologico202454587\/category\/buscar-en-toda-la-corte\/2004\/tutelas-2004\/' title='Tutelas 2004' class='pt-cv-tax-tutelas-2004'>Tutelas 2004<\/a><\/div>\n<h4 class=\"pt-cv-title\"><a href=\"https:\/\/www.dmsjuridica.com\/buscador_20179478954\/corteconstitucionalcronologico202454587\/t-237-04\/\" class=\"_self\" target=\"_self\" >T-237-04<\/a><\/h4>\n<div class=\"pt-cv-content\">\u00a0 \u00a0 Sentencia T-237\/04 \u00a0 ACCION DE TUTELA Y TRASLADO DE EMPLEADA JUDICIAL-Procedencia \u00a0 En el presente asunto, la inminencia y gravedad del perjuicio est\u00e1n asociadas a la dif\u00edcil situaci\u00f3n vital de la familia Santiago, y a la innegable posibilidad de que la actora pierda, en t\u00e9rminos reales, la oportunidad de acompa\u00f1ar a su hijo en el temprano desenlace de su existencia, situaci\u00f3n que es tenida por esta Corte como un hecho cierto dada la naturaleza del mal que lo aqueja (VIH). En este orden de ideas, la Corte revocar\u00e1 la decisi\u00f3n de los jueces de instancia en el sentido ...<br \/><div class=\"pt-cv-rmwrap\"><a href=\"https:\/\/www.dmsjuridica.com\/buscador_20179478954\/corteconstitucionalcronologico202454587\/t-237-04\/\" class=\"_self pt-cv-readmore btn btn-success\" target=\"_self\">Ver Sentencia Completa...<\/a><\/div><\/div><\/div><\/div>\n<div class=\"col-md-12 col-sm-12 col-xs-12 pt-cv-content-item pt-cv-1-col\" ><div class='pt-cv-ifield'><a href=\"https:\/\/www.dmsjuridica.com\/buscador_20179478954\/corteconstitucionalcronologico202454587\/t-236-04\/\" class=\"_self pt-cv-href-thumbnail pt-cv-thumb-default\" target=\"_self\" ><\/a>\n<div class=\"pt-cv-taxoterm above_title\"><a href='https:\/\/www.dmsjuridica.com\/buscador_20179478954\/corteconstitucionalcronologico202454587\/category\/buscar-en-toda-la-corte\/2004\/tutelas-2004\/' title='Tutelas 2004' class='pt-cv-tax-tutelas-2004'>Tutelas 2004<\/a><\/div>\n<h4 class=\"pt-cv-title\"><a href=\"https:\/\/www.dmsjuridica.com\/buscador_20179478954\/corteconstitucionalcronologico202454587\/t-236-04\/\" class=\"_self\" target=\"_self\" >T-236-04<\/a><\/h4>\n<div class=\"pt-cv-content\">\u00a0 \u00a0 Sentencia T-236\/04 \u00a0 LICENCIA DE MATERNIDAD-T\u00e9rmino para reclamarla super\u00f3 el a\u00f1o que se ha establecido por la jurisprudencia \u00a0 Reiteraci\u00f3n de Jurisprudencia \u00a0 Referencia: expediente T-811232 \u00a0 Acci\u00f3n de tutela instaurada por Luz Yaneth P\u00e9rez Blanco contra Solsalud E.P.S. \u00a0 Magistrado Ponente: \u00a0 Dr. JAIME ARA\u00daJO RENTER\u00cdA \u00a0 Bogot\u00e1, D. C., once (11) de marzo de dos mil cuatro (2004). \u00a0 La Sala Primera de Revisi\u00f3n de la Corte Constitucional, en ejercicio de sus competencias constitucionales y legales, en particular las contenidas en los art\u00edculos 86 y 241, numeral 9, de la Constituci\u00f3n y el Decreto 2591 de ...<br \/><div class=\"pt-cv-rmwrap\"><a href=\"https:\/\/www.dmsjuridica.com\/buscador_20179478954\/corteconstitucionalcronologico202454587\/t-236-04\/\" class=\"_self pt-cv-readmore btn btn-success\" target=\"_self\">Ver Sentencia Completa...<\/a><\/div><\/div><\/div><\/div>\n<div class=\"col-md-12 col-sm-12 col-xs-12 pt-cv-content-item pt-cv-1-col\" ><div class='pt-cv-ifield'><a href=\"https:\/\/www.dmsjuridica.com\/buscador_20179478954\/corteconstitucionalcronologico202454587\/t-235-04\/\" class=\"_self pt-cv-href-thumbnail pt-cv-thumb-default\" target=\"_self\" ><\/a>\n<div class=\"pt-cv-taxoterm above_title\"><a href='https:\/\/www.dmsjuridica.com\/buscador_20179478954\/corteconstitucionalcronologico202454587\/category\/buscar-en-toda-la-corte\/2004\/tutelas-2004\/' title='Tutelas 2004' class='pt-cv-tax-tutelas-2004'>Tutelas 2004<\/a><\/div>\n<h4 class=\"pt-cv-title\"><a href=\"https:\/\/www.dmsjuridica.com\/buscador_20179478954\/corteconstitucionalcronologico202454587\/t-235-04\/\" class=\"_self\" target=\"_self\" >T-235-04<\/a><\/h4>\n<div class=\"pt-cv-content\">\u00a0 \u00a0 Sentencia T-235\/04 \u00a0 VIA DE HECHO-Defecto f\u00e1ctico por indebida valoraci\u00f3n de las pruebas\/ACCION DE TUTELA-Hecho superado por cuanto se dict\u00f3 nueva sentencia \u00a0 La Sala observa que se present\u00f3 una v\u00eda de hecho en la actuaci\u00f3n del Tribunal, puesto que el haber considerado esta prueba podr\u00eda haber cambiado el sentido del fallo, en la medida en que en lugar de confirmar la decisi\u00f3n que declaraba prescrita la acci\u00f3n se hubiera podido desestimarla para continuar con el tr\u00e1mite del proceso ejecutivo. Por otro lado, la Sala encuentra que dentro del acervo probatorio consta la nueva providencia que profiri\u00f3 el ...<br \/><div class=\"pt-cv-rmwrap\"><a href=\"https:\/\/www.dmsjuridica.com\/buscador_20179478954\/corteconstitucionalcronologico202454587\/t-235-04\/\" class=\"_self pt-cv-readmore btn btn-success\" target=\"_self\">Ver Sentencia Completa...<\/a><\/div><\/div><\/div><\/div>\n<div class=\"col-md-12 col-sm-12 col-xs-12 pt-cv-content-item pt-cv-1-col\" ><div class='pt-cv-ifield'><a href=\"https:\/\/www.dmsjuridica.com\/buscador_20179478954\/corteconstitucionalcronologico202454587\/t-234-04\/\" class=\"_self pt-cv-href-thumbnail pt-cv-thumb-default\" target=\"_self\" ><\/a>\n<div class=\"pt-cv-taxoterm above_title\"><a href='https:\/\/www.dmsjuridica.com\/buscador_20179478954\/corteconstitucionalcronologico202454587\/category\/buscar-en-toda-la-corte\/2004\/tutelas-2004\/' title='Tutelas 2004' class='pt-cv-tax-tutelas-2004'>Tutelas 2004<\/a><\/div>\n<h4 class=\"pt-cv-title\"><a href=\"https:\/\/www.dmsjuridica.com\/buscador_20179478954\/corteconstitucionalcronologico202454587\/t-234-04\/\" class=\"_self\" target=\"_self\" >T-234-04<\/a><\/h4>\n<div class=\"pt-cv-content\">\u00a0 \u00a0 Sentencia 234\/04 \u00a0 ACCION DE TUTELA-Procedencia excepcional pago de mesadas pensionales \u00a0 Referencia: expediente T-834467 \u00a0 Magistrado Ponente: \u00a0 Dr. MARCO GERARDO MONROY CABRA \u00a0 Bogot\u00e1, D. C., once (11) de marzo de dos mil cuatro (2004). \u00a0 La Sala Sexta de Revisi\u00f3n de la Corte Constitucional, integrada por los Magistrados doctores, Eduardo Montealegre Lynett, \u00c1lvaro Tafur Galvis y Marco Gerardo Monroy Cabra, quien la preside, en ejercicio de sus competencias constitucionales y legales ha pronunciado la siguiente \u00a0 SENTENCIA \u00a0 en el proceso de revisi\u00f3n de los fallos proferidos por el Juzgado Segundo Promiscuo de Familia de ...<br \/><div class=\"pt-cv-rmwrap\"><a href=\"https:\/\/www.dmsjuridica.com\/buscador_20179478954\/corteconstitucionalcronologico202454587\/t-234-04\/\" class=\"_self pt-cv-readmore btn btn-success\" target=\"_self\">Ver Sentencia Completa...<\/a><\/div><\/div><\/div><\/div>\n<div class=\"col-md-12 col-sm-12 col-xs-12 pt-cv-content-item pt-cv-1-col\" ><div class='pt-cv-ifield'><a href=\"https:\/\/www.dmsjuridica.com\/buscador_20179478954\/corteconstitucionalcronologico202454587\/t-233-04\/\" class=\"_self pt-cv-href-thumbnail pt-cv-thumb-default\" target=\"_self\" ><\/a>\n<div class=\"pt-cv-taxoterm above_title\"><a href='https:\/\/www.dmsjuridica.com\/buscador_20179478954\/corteconstitucionalcronologico202454587\/category\/buscar-en-toda-la-corte\/2004\/tutelas-2004\/' title='Tutelas 2004' class='pt-cv-tax-tutelas-2004'>Tutelas 2004<\/a><\/div>\n<h4 class=\"pt-cv-title\"><a href=\"https:\/\/www.dmsjuridica.com\/buscador_20179478954\/corteconstitucionalcronologico202454587\/t-233-04\/\" class=\"_self\" target=\"_self\" >T-233-04<\/a><\/h4>\n<div class=\"pt-cv-content\">\u00a0 \u00a0 Sentencia T-233\/04 \u00a0 ACCION DE TUTELA-Procedencia excepcional pago de acreencias laborales \u00a0 ACCION DE TUTELA-Hecho superado por pago de acreencias laborales \u00a0 Referencia: expedientes acumulados T-794300 y T-797029 \u00a0 Acciones de tutela instauradas por Armando Bautista Rubiano y Julio C\u00e9sar Herrera Quevedo contra el Centro Social de Neiva S.A., Club Social de Neiva. \u00a0 Magistrado Ponente: \u00a0 Dr. ALVARO TAFUR GALVIS \u00a0 Bogot\u00e1 D. C., once (11) de marzo de dos mil cuatro (2004). \u00a0 La Sala Octava de Revisi\u00f3n de la Corte Constitucional, integrada por los magistrados, Clara In\u00e9s Vargas Hern\u00e1ndez, Jaime Araujo Renter\u00eda y \u00c1lvaro Tafur ...<br \/><div class=\"pt-cv-rmwrap\"><a href=\"https:\/\/www.dmsjuridica.com\/buscador_20179478954\/corteconstitucionalcronologico202454587\/t-233-04\/\" class=\"_self pt-cv-readmore btn btn-success\" target=\"_self\">Ver Sentencia Completa...<\/a><\/div><\/div><\/div><\/div>\n<div class=\"col-md-12 col-sm-12 col-xs-12 pt-cv-content-item pt-cv-1-col\" ><div class='pt-cv-ifield'><a href=\"https:\/\/www.dmsjuridica.com\/buscador_20179478954\/corteconstitucionalcronologico202454587\/t-232-04\/\" class=\"_self pt-cv-href-thumbnail pt-cv-thumb-default\" target=\"_self\" ><\/a>\n<div class=\"pt-cv-taxoterm above_title\"><a href='https:\/\/www.dmsjuridica.com\/buscador_20179478954\/corteconstitucionalcronologico202454587\/category\/buscar-en-toda-la-corte\/2004\/tutelas-2004\/' title='Tutelas 2004' class='pt-cv-tax-tutelas-2004'>Tutelas 2004<\/a><\/div>\n<h4 class=\"pt-cv-title\"><a href=\"https:\/\/www.dmsjuridica.com\/buscador_20179478954\/corteconstitucionalcronologico202454587\/t-232-04\/\" class=\"_self\" target=\"_self\" >T-232-04<\/a><\/h4>\n<div class=\"pt-cv-content\">\u00a0 \u00a0 Sentencia T-232\/04 \u00a0 DERECHO A LA SALUD DE MENOR DE EDAD-Pr\u00e1ctica de resonancia magn\u00e9tica \u00a0 DERECHO A LA SALUD DE MENOR DE EDAD-Incorpora el derecho al diagn\u00f3stico\/INAPLICACION DE NORMAS DEL PLAN OBLIGATORIO DE SALUD\/ADMINISTRADORA DEL REGIMEN SUBSIDIADO-Pr\u00e1ctica de examen de diagn\u00f3stico \u00a0 En el presente caso, la A.R.S. accionada se niega a practicar la prueba diagn\u00f3stica ordenada a la se\u00f1orita Yazm\u00edn M\u00e9ndez aduciendo que no se encuentra dentro del P.O.S.-S. En casos similares, en los eventos en los cuales las A.R.S. no est\u00e1n obligadas a realizar intervenciones quir\u00fargicas o a suministrar medicamentos al no estar incluidos en el ...<br \/><div class=\"pt-cv-rmwrap\"><a href=\"https:\/\/www.dmsjuridica.com\/buscador_20179478954\/corteconstitucionalcronologico202454587\/t-232-04\/\" class=\"_self pt-cv-readmore btn btn-success\" target=\"_self\">Ver Sentencia Completa...<\/a><\/div><\/div><\/div><\/div>\n<div class=\"col-md-12 col-sm-12 col-xs-12 pt-cv-content-item pt-cv-1-col\" ><div class='pt-cv-ifield'><a href=\"https:\/\/www.dmsjuridica.com\/buscador_20179478954\/corteconstitucionalcronologico202454587\/t-231-04\/\" class=\"_self pt-cv-href-thumbnail pt-cv-thumb-default\" target=\"_self\" ><\/a>\n<div class=\"pt-cv-taxoterm above_title\"><a href='https:\/\/www.dmsjuridica.com\/buscador_20179478954\/corteconstitucionalcronologico202454587\/category\/buscar-en-toda-la-corte\/2004\/tutelas-2004\/' title='Tutelas 2004' class='pt-cv-tax-tutelas-2004'>Tutelas 2004<\/a><\/div>\n<h4 class=\"pt-cv-title\"><a href=\"https:\/\/www.dmsjuridica.com\/buscador_20179478954\/corteconstitucionalcronologico202454587\/t-231-04\/\" class=\"_self\" target=\"_self\" >T-231-04<\/a><\/h4>\n<div class=\"pt-cv-content\">\u00a0 \u00a0 Sentencia T-231\/04 \u00a0 MATERNIDAD-Despido de madre adoptante en \u00e9poca de la licencia de maternidad por supresi\u00f3n de la entidad \u00a0 La accionante en el asunto que se examina contaba con todos los derechos y garant\u00edas reconocidos a las madres biol\u00f3gicas, raz\u00f3n por la cual no pod\u00eda ser despedida con causa o por ocasi\u00f3n de su licencia de maternidad. No obstante, analizado el expediente que ahora se somete a consideraci\u00f3n de la Sala de Revisi\u00f3n, se observa que su desvinculaci\u00f3n de la empresa accionada no tuvo como fundamento la maternidad de la actora, sino que obedeci\u00f3 a circunstancias objetivas, ...<br \/><div class=\"pt-cv-rmwrap\"><a href=\"https:\/\/www.dmsjuridica.com\/buscador_20179478954\/corteconstitucionalcronologico202454587\/t-231-04\/\" class=\"_self pt-cv-readmore btn btn-success\" target=\"_self\">Ver Sentencia Completa...<\/a><\/div><\/div><\/div><\/div>\n<div class=\"col-md-12 col-sm-12 col-xs-12 pt-cv-content-item pt-cv-1-col\" ><div class='pt-cv-ifield'><a href=\"https:\/\/www.dmsjuridica.com\/buscador_20179478954\/corteconstitucionalcronologico202454587\/t-223-04\/\" class=\"_self pt-cv-href-thumbnail pt-cv-thumb-default\" target=\"_self\" ><\/a>\n<div class=\"pt-cv-taxoterm above_title\"><a href='https:\/\/www.dmsjuridica.com\/buscador_20179478954\/corteconstitucionalcronologico202454587\/category\/buscar-en-toda-la-corte\/2004\/tutelas-2004\/' title='Tutelas 2004' class='pt-cv-tax-tutelas-2004'>Tutelas 2004<\/a><\/div>\n<h4 class=\"pt-cv-title\"><a href=\"https:\/\/www.dmsjuridica.com\/buscador_20179478954\/corteconstitucionalcronologico202454587\/t-223-04\/\" class=\"_self\" target=\"_self\" >T-223-04<\/a><\/h4>\n<div class=\"pt-cv-content\">\u00a0 \u00a0 Sentencia T-223\/04 \u00a0 ACCION DE TUTELA-Hecho superado por pr\u00e1ctica de examen \u00a0 Referencia: expediente T-758905 \u00a0 Acci\u00f3n de tutela instaurada por Carmen Olivia C\u00e9lis Cleves en contra de ARS Confenalco y REDSALUD-ARMENIA E.S.E. \u00a0 Magistrado Ponente: \u00a0 Dr. EDUARDO MONTEALEGRE LYNETT. \u00a0 Bogot\u00e1 D. C., ocho (8) de marzo de dos mil cuatro (2004). \u00a0 La Sala S\u00e9ptima de Revisi\u00f3n de la Corte Constitucional, integrada por los Magistrados Eduardo Montealegre Lynett, Alvaro Tafur Galvis y Clara In\u00e9s Vargas Hern\u00e1ndez, en uso de sus facultades constitucionales y legales ha proferido la siguiente \u00a0 SENTENCIA \u00a0 dentro del proceso de ...<br \/><div class=\"pt-cv-rmwrap\"><a href=\"https:\/\/www.dmsjuridica.com\/buscador_20179478954\/corteconstitucionalcronologico202454587\/t-223-04\/\" class=\"_self pt-cv-readmore btn btn-success\" target=\"_self\">Ver Sentencia Completa...<\/a><\/div><\/div><\/div><\/div>\n<div class=\"col-md-12 col-sm-12 col-xs-12 pt-cv-content-item pt-cv-1-col\" ><div class='pt-cv-ifield'><a href=\"https:\/\/www.dmsjuridica.com\/buscador_20179478954\/corteconstitucionalcronologico202454587\/t-222-04\/\" class=\"_self pt-cv-href-thumbnail pt-cv-thumb-default\" target=\"_self\" ><\/a>\n<div class=\"pt-cv-taxoterm above_title\"><a href='https:\/\/www.dmsjuridica.com\/buscador_20179478954\/corteconstitucionalcronologico202454587\/category\/buscar-en-toda-la-corte\/2004\/tutelas-2004\/' title='Tutelas 2004' class='pt-cv-tax-tutelas-2004'>Tutelas 2004<\/a><\/div>\n<h4 class=\"pt-cv-title\"><a href=\"https:\/\/www.dmsjuridica.com\/buscador_20179478954\/corteconstitucionalcronologico202454587\/t-222-04\/\" class=\"_self\" target=\"_self\" >T-222-04<\/a><\/h4>\n<div class=\"pt-cv-content\">\u00a0 \u00a0 Sentencia T-222\/04 \u00a0 DERECHO DE PETICION FRENTE A COOPERATIVA-Inexistencia de vulneraci\u00f3n \u00a0 La Corte Constitucional confirmar\u00e1 la decisi\u00f3n de segunda instancia en relaci\u00f3n con la ausencia de violaci\u00f3n del derecho de petici\u00f3n, pues conforme a su jurisprudencia, tal derecho no comporta el deber de quien emite la respuesta que \u00e9ste tenga un contenido determinado. Simplemente tiene que responder a la solicitud hecha, de manera seria y completa, lo que ocurri\u00f3 en el presente caso. \u00a0 DERECHOS FUNDAMENTALES Y RELACIONES HORIZONTALES EN TUTELA \u00a0 JUEZ DE TUTELA Y RELACIONES CONTRACTUALES \u00a0 Frente al problema jur\u00eddico considerado de manera abstracta, ...<br \/><div class=\"pt-cv-rmwrap\"><a href=\"https:\/\/www.dmsjuridica.com\/buscador_20179478954\/corteconstitucionalcronologico202454587\/t-222-04\/\" class=\"_self pt-cv-readmore btn btn-success\" target=\"_self\">Ver Sentencia Completa...<\/a><\/div><\/div><\/div><\/div>\n<div class=\"col-md-12 col-sm-12 col-xs-12 pt-cv-content-item pt-cv-1-col\" ><div class='pt-cv-ifield'><a href=\"https:\/\/www.dmsjuridica.com\/buscador_20179478954\/corteconstitucionalcronologico202454587\/t-221-04\/\" class=\"_self pt-cv-href-thumbnail pt-cv-thumb-default\" target=\"_self\" ><\/a>\n<div class=\"pt-cv-taxoterm above_title\"><a href='https:\/\/www.dmsjuridica.com\/buscador_20179478954\/corteconstitucionalcronologico202454587\/category\/buscar-en-toda-la-corte\/2004\/tutelas-2004\/' title='Tutelas 2004' class='pt-cv-tax-tutelas-2004'>Tutelas 2004<\/a><\/div>\n<h4 class=\"pt-cv-title\"><a href=\"https:\/\/www.dmsjuridica.com\/buscador_20179478954\/corteconstitucionalcronologico202454587\/t-221-04\/\" class=\"_self\" target=\"_self\" >T-221-04<\/a><\/h4>\n<div class=\"pt-cv-content\">\u00a0 \u00a0 Sentencia T-221\/04 \u00a0 PLAN OBLIGATORIO DE SALUD-Interpretaci\u00f3n del contenido \u00a0 Un problema adicional se presenta respecto de la interpretaci\u00f3n del contenido del P.O.S.: c\u00f3mo ha de enfrentarse el inconveniente de la indeterminaci\u00f3n de las prestaciones en \u00e9l contempladas. Es decir, si hasta ahora la argumentaci\u00f3n estuvo encaminada a demostrar la fundamentalidad del contenido m\u00ednimo del derecho a la salud materializado en el P.O.S, luego de llegar a la conclusi\u00f3n que en efecto lo es, surge como reto adicional la determinaci\u00f3n de los par\u00e1metros hermen\u00e9uticos para aplicar la normatividad misma. En el caso bajo estudio, se enfrenta una dificultad ...<br \/><div class=\"pt-cv-rmwrap\"><a href=\"https:\/\/www.dmsjuridica.com\/buscador_20179478954\/corteconstitucionalcronologico202454587\/t-221-04\/\" class=\"_self pt-cv-readmore btn btn-success\" target=\"_self\">Ver Sentencia Completa...<\/a><\/div><\/div><\/div><\/div>\n<div class=\"col-md-12 col-sm-12 col-xs-12 pt-cv-content-item pt-cv-1-col\" ><div class='pt-cv-ifield'><a href=\"https:\/\/www.dmsjuridica.com\/buscador_20179478954\/corteconstitucionalcronologico202454587\/t-220-04\/\" class=\"_self pt-cv-href-thumbnail pt-cv-thumb-default\" target=\"_self\" ><\/a>\n<div class=\"pt-cv-taxoterm above_title\"><a href='https:\/\/www.dmsjuridica.com\/buscador_20179478954\/corteconstitucionalcronologico202454587\/category\/buscar-en-toda-la-corte\/2004\/tutelas-2004\/' title='Tutelas 2004' class='pt-cv-tax-tutelas-2004'>Tutelas 2004<\/a><\/div>\n<h4 class=\"pt-cv-title\"><a href=\"https:\/\/www.dmsjuridica.com\/buscador_20179478954\/corteconstitucionalcronologico202454587\/t-220-04\/\" class=\"_self\" target=\"_self\" >T-220-04<\/a><\/h4>\n<div class=\"pt-cv-content\">\u00a0 \u00a0 Sentencia T-220\/04 \u00a0 DERECHO A LA DIGNIDAD HUMANA DE ESTUDIANTE-Se\u00f1alamiento p\u00fablico de conducta \u00a0 La debida funcionalidad del derecho a la dignidad humana implica que el \u00e1mbito de su protecci\u00f3n se extiende a la interdicci\u00f3n de conductas que entra\u00f1en la afectaci\u00f3n de la dimensi\u00f3n individual y social de la persona. La construcci\u00f3n social de la realidad y la valoraci\u00f3n social de ciertas conductas, desde sus niveles particulares de significado, son las que en \u00faltimas determinan el \u00e1mbito de lo prohibido y de lo que resulta objeto de amparo constitucional. En el contexto escolar, un se\u00f1alamiento p\u00fablico operado por ...<br \/><div class=\"pt-cv-rmwrap\"><a href=\"https:\/\/www.dmsjuridica.com\/buscador_20179478954\/corteconstitucionalcronologico202454587\/t-220-04\/\" class=\"_self pt-cv-readmore btn btn-success\" target=\"_self\">Ver Sentencia Completa...<\/a><\/div><\/div><\/div><\/div>\n<div class=\"col-md-12 col-sm-12 col-xs-12 pt-cv-content-item pt-cv-1-col\" ><div class='pt-cv-ifield'><a href=\"https:\/\/www.dmsjuridica.com\/buscador_20179478954\/corteconstitucionalcronologico202454587\/t-219-04\/\" class=\"_self pt-cv-href-thumbnail pt-cv-thumb-default\" target=\"_self\" ><\/a>\n<div class=\"pt-cv-taxoterm above_title\"><a href='https:\/\/www.dmsjuridica.com\/buscador_20179478954\/corteconstitucionalcronologico202454587\/category\/buscar-en-toda-la-corte\/2004\/tutelas-2004\/' title='Tutelas 2004' class='pt-cv-tax-tutelas-2004'>Tutelas 2004<\/a><\/div>\n<h4 class=\"pt-cv-title\"><a href=\"https:\/\/www.dmsjuridica.com\/buscador_20179478954\/corteconstitucionalcronologico202454587\/t-219-04\/\" class=\"_self\" target=\"_self\" >T-219-04<\/a><\/h4>\n<div class=\"pt-cv-content\">\u00a0 \u00a0 Sentencia T-219\/04 \u00a0 ACCION DE TUTELA-Criterios para determinar su procedencia cuando se afectan derechos colectivos \u00a0 DERECHO A LA VIVIENDA DIGNA-Situaci\u00f3n jur\u00eddica de la actora en relaci\u00f3n con el bien inmueble donde habita\/DERECHO A LA VIVIENDA DIGNA-Situaci\u00f3n jur\u00eddicamente protegida por cuanto la urbanizaci\u00f3n donde habita la peticionaria es legal \u00a0 La actora se encuentra en una situaci\u00f3n que debe tenerse como jur\u00eddicamente protegida, ya que deriva de la existencia de justos t\u00edtulos, y se encuentra respaldada por la resoluci\u00f3n, mediante la cual se legaliza la urbanizaci\u00f3n, lugar donde se encuentra ubicado el predio de su propiedad. Si en ...<br \/><div class=\"pt-cv-rmwrap\"><a href=\"https:\/\/www.dmsjuridica.com\/buscador_20179478954\/corteconstitucionalcronologico202454587\/t-219-04\/\" class=\"_self pt-cv-readmore btn btn-success\" target=\"_self\">Ver Sentencia Completa...<\/a><\/div><\/div><\/div><\/div>\n<div class=\"col-md-12 col-sm-12 col-xs-12 pt-cv-content-item pt-cv-1-col\" ><div class='pt-cv-ifield'><a href=\"https:\/\/www.dmsjuridica.com\/buscador_20179478954\/corteconstitucionalcronologico202454587\/t-218-04\/\" class=\"_self pt-cv-href-thumbnail pt-cv-thumb-default\" target=\"_self\" ><\/a>\n<div class=\"pt-cv-taxoterm above_title\"><a href='https:\/\/www.dmsjuridica.com\/buscador_20179478954\/corteconstitucionalcronologico202454587\/category\/buscar-en-toda-la-corte\/2004\/tutelas-2004\/' title='Tutelas 2004' class='pt-cv-tax-tutelas-2004'>Tutelas 2004<\/a><\/div>\n<h4 class=\"pt-cv-title\"><a href=\"https:\/\/www.dmsjuridica.com\/buscador_20179478954\/corteconstitucionalcronologico202454587\/t-218-04\/\" class=\"_self\" target=\"_self\" >T-218-04<\/a><\/h4>\n<div class=\"pt-cv-content\">\u00a0 \u00a0 Sentencia T-218\/04 \u00a0 DERECHO A LA SALUD DE MENOR DE EDAD-Pr\u00e1ctica de ex\u00e1menes por pubertad precoz \u00a0 Referencia: expediente T-754722 \u00a0 Acci\u00f3n de tutela instaurada por Wilson Neider Riveros Amaya, en representaci\u00f3n de su hija menor Mar\u00eda Camila Riveros Yaya, en contra de FAMISANAR E.P.S. \u00a0 Magistrado Ponente: \u00a0 Dr. EDUARDO MONTEALEGRE LYNETT. \u00a0 Bogot\u00e1 D. C., ocho (8) de marzo de dos mil cuatro (2004). \u00a0 La Sala S\u00e9ptima de Revisi\u00f3n de la Corte Constitucional, integrada por los Magistrados Eduardo Montealegre Lynett, Alvaro Tafur Galvis y Clara In\u00e9s Vargas Hern\u00e1ndez, en uso de sus facultades constitucionales y ...<br \/><div class=\"pt-cv-rmwrap\"><a href=\"https:\/\/www.dmsjuridica.com\/buscador_20179478954\/corteconstitucionalcronologico202454587\/t-218-04\/\" class=\"_self pt-cv-readmore btn btn-success\" target=\"_self\">Ver Sentencia Completa...<\/a><\/div><\/div><\/div><\/div>\n<div class=\"col-md-12 col-sm-12 col-xs-12 pt-cv-content-item pt-cv-1-col\" ><div class='pt-cv-ifield'><a href=\"https:\/\/www.dmsjuridica.com\/buscador_20179478954\/corteconstitucionalcronologico202454587\/t-217-04\/\" class=\"_self pt-cv-href-thumbnail pt-cv-thumb-default\" target=\"_self\" ><\/a>\n<div class=\"pt-cv-taxoterm above_title\"><a href='https:\/\/www.dmsjuridica.com\/buscador_20179478954\/corteconstitucionalcronologico202454587\/category\/buscar-en-toda-la-corte\/2004\/tutelas-2004\/' title='Tutelas 2004' class='pt-cv-tax-tutelas-2004'>Tutelas 2004<\/a><\/div>\n<h4 class=\"pt-cv-title\"><a href=\"https:\/\/www.dmsjuridica.com\/buscador_20179478954\/corteconstitucionalcronologico202454587\/t-217-04\/\" class=\"_self\" target=\"_self\" >T-217-04<\/a><\/h4>\n<div class=\"pt-cv-content\">\u00a0 \u00a0 Sentencia T-217\/04 \u00a0 DERECHO A LA SALUD DE MENOR DE EDAD-Suministro de medicamento por pubertad precoz \u00a0 GARANTIA DE ACCESIBILIDAD ECONOMICA EN SALUD-Estado tiene posibilidad de establecer distintos sistemas de financiaci\u00f3n\/CAPACIDAD ECONOMICA DE PADRES DE MENOR-Juez debe analizar si otras obligaciones alimentarias impiden asumir el monto de lo exigido por la EPS\/CAPACIDAD ECONOMICA DE PADRES DE MENOR-Prueba \u00a0 Para el presente caso, resulta especialmente relevante la garant\u00eda de accesibilidad econ\u00f3mica mencionado en el \u00faltimo p\u00e1rrafo transcrito de la Observaci\u00f3n N\u00b014. Tal como se desprende de la observaci\u00f3n, el Estado tiene la posibilidad de establecer distintos sistemas de financiaci\u00f3n ...<br \/><div class=\"pt-cv-rmwrap\"><a href=\"https:\/\/www.dmsjuridica.com\/buscador_20179478954\/corteconstitucionalcronologico202454587\/t-217-04\/\" class=\"_self pt-cv-readmore btn btn-success\" target=\"_self\">Ver Sentencia Completa...<\/a><\/div><\/div><\/div><\/div>\n<div class=\"col-md-12 col-sm-12 col-xs-12 pt-cv-content-item pt-cv-1-col\" ><div class='pt-cv-ifield'><a href=\"https:\/\/www.dmsjuridica.com\/buscador_20179478954\/corteconstitucionalcronologico202454587\/t-216-04\/\" class=\"_self pt-cv-href-thumbnail pt-cv-thumb-default\" target=\"_self\" ><\/a>\n<div class=\"pt-cv-taxoterm above_title\"><a href='https:\/\/www.dmsjuridica.com\/buscador_20179478954\/corteconstitucionalcronologico202454587\/category\/buscar-en-toda-la-corte\/2004\/tutelas-2004\/' title='Tutelas 2004' class='pt-cv-tax-tutelas-2004'>Tutelas 2004<\/a><\/div>\n<h4 class=\"pt-cv-title\"><a href=\"https:\/\/www.dmsjuridica.com\/buscador_20179478954\/corteconstitucionalcronologico202454587\/t-216-04\/\" class=\"_self\" target=\"_self\" >T-216-04<\/a><\/h4>\n<div class=\"pt-cv-content\">DERECHO DE PETICION ANTE GRUPO INTERNO DE TRABAJO PARA EL PASIVO SOCIAL DE PUERTOS DE COLOMBIA-Inexistencia de vulneraci\u00f3n \u00a0 El tema de la violaci\u00f3n del derecho de petici\u00f3n del demandante no ser\u00e1 abordado por la Corte, pues (i) fue resuelto en las instancias y (ii) no afecta la decisi\u00f3n final de esta providencia. Ha de advertirse que la Corte ha se\u00f1alado que su funci\u00f3n principal se relaciona con la unificaci\u00f3n de jurisprudencia, raz\u00f3n por la cual goza de un amplio margen de apreciaci\u00f3n para determinar qu\u00e9 asuntos dentro de un proceso de tutela son objeto de consideraci\u00f3n en sede de ...<br \/><div class=\"pt-cv-rmwrap\"><a href=\"https:\/\/www.dmsjuridica.com\/buscador_20179478954\/corteconstitucionalcronologico202454587\/t-216-04\/\" class=\"_self pt-cv-readmore btn btn-success\" target=\"_self\">Ver Sentencia Completa...<\/a><\/div><\/div><\/div><\/div>\n<div class=\"col-md-12 col-sm-12 col-xs-12 pt-cv-content-item pt-cv-1-col\" ><div class='pt-cv-ifield'><a href=\"https:\/\/www.dmsjuridica.com\/buscador_20179478954\/corteconstitucionalcronologico202454587\/t-215-04\/\" class=\"_self pt-cv-href-thumbnail pt-cv-thumb-default\" target=\"_self\" ><\/a>\n<div class=\"pt-cv-taxoterm above_title\"><a href='https:\/\/www.dmsjuridica.com\/buscador_20179478954\/corteconstitucionalcronologico202454587\/category\/buscar-en-toda-la-corte\/2004\/tutelas-2004\/' title='Tutelas 2004' class='pt-cv-tax-tutelas-2004'>Tutelas 2004<\/a><\/div>\n<h4 class=\"pt-cv-title\"><a href=\"https:\/\/www.dmsjuridica.com\/buscador_20179478954\/corteconstitucionalcronologico202454587\/t-215-04\/\" class=\"_self\" target=\"_self\" >T-215-04<\/a><\/h4>\n<div class=\"pt-cv-content\">\u00a0 \u00a0 Sentencia T-215\/04 \u00a0 PRINCIPIO DE OBEDIENCIA DEBIDA Y LIBERTAD DE PENSAMIENTO \u00a0 En punto a la libertad de expresi\u00f3n, para la Corte es claro que se encuentra entre extremos que demandan consideraci\u00f3n. Por una parte, el principio de obediencia debida, seg\u00fan el cual las \u00f3rdenes de los superiores han de ser cumplidas sin demora. Ello, por la especial relaci\u00f3n que existe entre el cumplimiento de las \u00f3rdenes y la eficacia y eficiencia en la realizaci\u00f3n de las funciones constitucionales de las Fuerzas Armadas. Por el otro lado, se encuentra el deber de no cumplir con las \u00f3rdenes manifiestamente ...<br \/><div class=\"pt-cv-rmwrap\"><a href=\"https:\/\/www.dmsjuridica.com\/buscador_20179478954\/corteconstitucionalcronologico202454587\/t-215-04\/\" class=\"_self pt-cv-readmore btn btn-success\" target=\"_self\">Ver Sentencia Completa...<\/a><\/div><\/div><\/div><\/div>\n<div class=\"col-md-12 col-sm-12 col-xs-12 pt-cv-content-item pt-cv-1-col\" ><div class='pt-cv-ifield'><a href=\"https:\/\/www.dmsjuridica.com\/buscador_20179478954\/corteconstitucionalcronologico202454587\/t-214-04\/\" class=\"_self pt-cv-href-thumbnail pt-cv-thumb-default\" target=\"_self\" ><\/a>\n<div class=\"pt-cv-taxoterm above_title\"><a href='https:\/\/www.dmsjuridica.com\/buscador_20179478954\/corteconstitucionalcronologico202454587\/category\/buscar-en-toda-la-corte\/2004\/tutelas-2004\/' title='Tutelas 2004' class='pt-cv-tax-tutelas-2004'>Tutelas 2004<\/a><\/div>\n<h4 class=\"pt-cv-title\"><a href=\"https:\/\/www.dmsjuridica.com\/buscador_20179478954\/corteconstitucionalcronologico202454587\/t-214-04\/\" class=\"_self\" target=\"_self\" >T-214-04<\/a><\/h4>\n<div class=\"pt-cv-content\">\u00a0 \u00a0 Sentencia T-214\/04 \u00a0 ACCION DE TUTELA CONTRA DECISIONES ADMINISTRATIVAS-Procedencia \u00a0 DERECHO AL DEBIDO PROCESO ADMINISTRATIVO-Definici\u00f3n y objeto \u00a0 El derecho al debido proceso administrativo es definido, entonces, como (i) el conjunto complejo de condiciones que le impone la ley a la administraci\u00f3n, materializado en el cumplimiento de una secuencia de actos por parte de la autoridad administrativa (ii) que guardan relaci\u00f3n directa o indirecta entre s\u00ed, y (iii) cuyo fin est\u00e1 previamente determinado de manera constitucional y legal. El objeto de esta garant\u00eda superior es (i) asegurar el ordenado funcionamiento de la administraci\u00f3n, (ii) la validez de sus ...<br \/><div class=\"pt-cv-rmwrap\"><a href=\"https:\/\/www.dmsjuridica.com\/buscador_20179478954\/corteconstitucionalcronologico202454587\/t-214-04\/\" class=\"_self pt-cv-readmore btn btn-success\" target=\"_self\">Ver Sentencia Completa...<\/a><\/div><\/div><\/div><\/div>\n<div class=\"col-md-12 col-sm-12 col-xs-12 pt-cv-content-item pt-cv-1-col\" ><div class='pt-cv-ifield'><a href=\"https:\/\/www.dmsjuridica.com\/buscador_20179478954\/corteconstitucionalcronologico202454587\/t-213-04\/\" class=\"_self pt-cv-href-thumbnail pt-cv-thumb-default\" target=\"_self\" ><\/a>\n<div class=\"pt-cv-taxoterm above_title\"><a href='https:\/\/www.dmsjuridica.com\/buscador_20179478954\/corteconstitucionalcronologico202454587\/category\/buscar-en-toda-la-corte\/2004\/tutelas-2004\/' title='Tutelas 2004' class='pt-cv-tax-tutelas-2004'>Tutelas 2004<\/a><\/div>\n<h4 class=\"pt-cv-title\"><a href=\"https:\/\/www.dmsjuridica.com\/buscador_20179478954\/corteconstitucionalcronologico202454587\/t-213-04\/\" class=\"_self\" target=\"_self\" >T-213-04<\/a><\/h4>\n<div class=\"pt-cv-content\">\u00a0 \u00a0 Sentencia T-213\/04 \u00a0 ACCION DE TUTELA DE FISCAL CONTRA PARTICULAR-Publicaci\u00f3n de libro \u00a0 Resulta claro para la Corte que el autor no escribi\u00f3 una obra dirigida a atacar a la demandante, sino a cuestionar la actuaci\u00f3n de la justicia misma. S\u00f3lo el contexto global de la obra permite observar lo anterior. Ello no implica que autom\u00e1ticamente desaparezca cualquier violaci\u00f3n de los derechos fundamentales de la demandante. Simplemente permite establecer un par\u00e1metro para juzgar las expresiones hechas por el demandado. Se ha puesto en duda, no a manera de insulto u ofensa en contra de la fiscal, su comportamiento ...<br \/><div class=\"pt-cv-rmwrap\"><a href=\"https:\/\/www.dmsjuridica.com\/buscador_20179478954\/corteconstitucionalcronologico202454587\/t-213-04\/\" class=\"_self pt-cv-readmore btn btn-success\" target=\"_self\">Ver Sentencia Completa...<\/a><\/div><\/div><\/div><\/div>\n<div class=\"col-md-12 col-sm-12 col-xs-12 pt-cv-content-item pt-cv-1-col\" ><div class='pt-cv-ifield'><a href=\"https:\/\/www.dmsjuridica.com\/buscador_20179478954\/corteconstitucionalcronologico202454587\/t-212-04\/\" class=\"_self pt-cv-href-thumbnail pt-cv-thumb-default\" target=\"_self\" ><\/a>\n<div class=\"pt-cv-taxoterm above_title\"><a href='https:\/\/www.dmsjuridica.com\/buscador_20179478954\/corteconstitucionalcronologico202454587\/category\/buscar-en-toda-la-corte\/2004\/tutelas-2004\/' title='Tutelas 2004' class='pt-cv-tax-tutelas-2004'>Tutelas 2004<\/a><\/div>\n<h4 class=\"pt-cv-title\"><a href=\"https:\/\/www.dmsjuridica.com\/buscador_20179478954\/corteconstitucionalcronologico202454587\/t-212-04\/\" class=\"_self\" target=\"_self\" >T-212-04<\/a><\/h4>\n<div class=\"pt-cv-content\">PERSONA JURIDICA-Titularidad de derechos fundamentales \u00a0 ACCION DE TUTELA DE PERSONA JURIDICA CONTRA SENTENCIA DE TRIBUNAL-Procedencia \u00a0 ACCION DE TUTELA CONTRA PROVIDENCIAS JUDICIALES-Procedencia excepcional por v\u00eda de hecho judicial \u00a0 ACCION DE TUTELA DE COLPATRIA CONTRA SENTENCIA DEL TRIBUNAL-Existencia de t\u00edtulo ejecutivo\/ACCION DE TUTELA DE COLPATRIA CONTRA SENTENCIA DEL TRIBUNAL-Pagar\u00e9 suscrito por la demandada conserv\u00f3 su condici\u00f3n de t\u00edtulo valor aunque originalmente se denomin\u00f3 en UPACs y luego en UVRs \u00a0 VIA DE HECHO-Defecto sustantivo por cuanto a la norma aplicada se le reconocieron efectos distintos a los se\u00f1alados por el legislador \u00a0 VIA DE HECHO-Se desconocieron pagar\u00e9s expresados en ...<br \/><div class=\"pt-cv-rmwrap\"><a href=\"https:\/\/www.dmsjuridica.com\/buscador_20179478954\/corteconstitucionalcronologico202454587\/t-212-04\/\" class=\"_self pt-cv-readmore btn btn-success\" target=\"_self\">Ver Sentencia Completa...<\/a><\/div><\/div><\/div><\/div>\n<div class=\"col-md-12 col-sm-12 col-xs-12 pt-cv-content-item pt-cv-1-col\" ><div class='pt-cv-ifield'><a href=\"https:\/\/www.dmsjuridica.com\/buscador_20179478954\/corteconstitucionalcronologico202454587\/t-211-04\/\" class=\"_self pt-cv-href-thumbnail pt-cv-thumb-default\" target=\"_self\" ><\/a>\n<div class=\"pt-cv-taxoterm above_title\"><a href='https:\/\/www.dmsjuridica.com\/buscador_20179478954\/corteconstitucionalcronologico202454587\/category\/buscar-en-toda-la-corte\/2004\/tutelas-2004\/' title='Tutelas 2004' class='pt-cv-tax-tutelas-2004'>Tutelas 2004<\/a><\/div>\n<h4 class=\"pt-cv-title\"><a href=\"https:\/\/www.dmsjuridica.com\/buscador_20179478954\/corteconstitucionalcronologico202454587\/t-211-04\/\" class=\"_self\" target=\"_self\" >T-211-04<\/a><\/h4>\n<div class=\"pt-cv-content\">\u00a0 \u00a0 Sentencia T-211\/04 \u00a0 DERECHO A LA SALUD-Fundamental por conexidad con la vida \u00a0 DERECHO A LA SALUD-Calidad de vida \u00a0 La Corte ha sentado la regla de que la tutela puede prosperar no s\u00f3lo ante circunstancias graves que tengan la virtualidad de hacer desaparecer las funciones vitales, sino ante eventos que pueden ser de menor gravedad pero que puedan llegar a desvirtuar claramente la calidad de vida de las personas, en cada caso espec\u00edfico. \u00a0 DERECHO A LA SALUD-Persona alcoh\u00f3lica e indigente afiliada al SISBEN\/TRATAMIENTO MEDICO-Consumo de alcohol \u00a0 En el presente caso al apreciar los supuestos f\u00e1cticos ...<br \/><div class=\"pt-cv-rmwrap\"><a href=\"https:\/\/www.dmsjuridica.com\/buscador_20179478954\/corteconstitucionalcronologico202454587\/t-211-04\/\" class=\"_self pt-cv-readmore btn btn-success\" target=\"_self\">Ver Sentencia Completa...<\/a><\/div><\/div><\/div><\/div>\n<div class=\"col-md-12 col-sm-12 col-xs-12 pt-cv-content-item pt-cv-1-col\" ><div class='pt-cv-ifield'><a href=\"https:\/\/www.dmsjuridica.com\/buscador_20179478954\/corteconstitucionalcronologico202454587\/t-210-04\/\" class=\"_self pt-cv-href-thumbnail pt-cv-thumb-default\" target=\"_self\" ><\/a>\n<div class=\"pt-cv-taxoterm above_title\"><a href='https:\/\/www.dmsjuridica.com\/buscador_20179478954\/corteconstitucionalcronologico202454587\/category\/buscar-en-toda-la-corte\/2004\/tutelas-2004\/' title='Tutelas 2004' class='pt-cv-tax-tutelas-2004'>Tutelas 2004<\/a><\/div>\n<h4 class=\"pt-cv-title\"><a href=\"https:\/\/www.dmsjuridica.com\/buscador_20179478954\/corteconstitucionalcronologico202454587\/t-210-04\/\" class=\"_self\" target=\"_self\" >T-210-04<\/a><\/h4>\n<div class=\"pt-cv-content\">\u00a0 \u00a0 Sentencia T-210\/04 \u00a0 ACCION DE TUTELA-Hecho superado por pago de acreencias laborales \u00a0 Referencia: expediente T-788964 \u00a0 Acci\u00f3n de tutela instaurada por Jairo Hern\u00e1ndez contra la Industria Colombiana de Artefactos ICASA, en concordato. \u00a0 Magistrado Ponente: \u00a0 Dr. EDUARDO MONTEALEGRE LYNETT. \u00a0 Bogot\u00e1 D. C., cinco (5) de marzo de dos mil cuatro (2004). \u00a0 La Sala S\u00e9ptima de Revisi\u00f3n de la Corte Constitucional integrada por los magistrados Clara In\u00e9s Vargas Hern\u00e1ndez, \u00c1lvaro Tafur Galvis y Eduardo Montealegre Lynett, quien la preside, en ejercicio de sus competencias constitucionales y legales, espec\u00edficamente las previstas en los art\u00edculos 86 y ...<br \/><div class=\"pt-cv-rmwrap\"><a href=\"https:\/\/www.dmsjuridica.com\/buscador_20179478954\/corteconstitucionalcronologico202454587\/t-210-04\/\" class=\"_self pt-cv-readmore btn btn-success\" target=\"_self\">Ver Sentencia Completa...<\/a><\/div><\/div><\/div><\/div>\n<div class=\"col-md-12 col-sm-12 col-xs-12 pt-cv-content-item pt-cv-1-col\" ><div class='pt-cv-ifield'><a href=\"https:\/\/www.dmsjuridica.com\/buscador_20179478954\/corteconstitucionalcronologico202454587\/t-209-04\/\" class=\"_self pt-cv-href-thumbnail pt-cv-thumb-default\" target=\"_self\" ><\/a>\n<div class=\"pt-cv-taxoterm above_title\"><a href='https:\/\/www.dmsjuridica.com\/buscador_20179478954\/corteconstitucionalcronologico202454587\/category\/buscar-en-toda-la-corte\/2004\/tutelas-2004\/' title='Tutelas 2004' class='pt-cv-tax-tutelas-2004'>Tutelas 2004<\/a><\/div>\n<h4 class=\"pt-cv-title\"><a href=\"https:\/\/www.dmsjuridica.com\/buscador_20179478954\/corteconstitucionalcronologico202454587\/t-209-04\/\" class=\"_self\" target=\"_self\" >T-209-04<\/a><\/h4>\n<div class=\"pt-cv-content\">\u00a0 \u00a0 Sentencia T-209\/04 \u00a0 DERECHO DE PETICION-Notificaci\u00f3n de respuesta se comunic\u00f3 por edicto al no encontrar la direcci\u00f3n suministrada \u00a0 En el expediente consta que, a pesar de que el escrito de contestaci\u00f3n no se entreg\u00f3 de manera personal en el domicilio de la docente que hab\u00eda dado su direcci\u00f3n para el efecto, por cuanto no habr\u00eda sido posible hallar la residencia, la respuesta s\u00ed existi\u00f3 y fue comunicada por edicto. La Sala encuentra que, tal como lo manifiestan los jueces de instancia, efectivamente la administraci\u00f3n de Santa Marta dio respuesta a la petici\u00f3n elevada por las actoras, independientemente ...<br \/><div class=\"pt-cv-rmwrap\"><a href=\"https:\/\/www.dmsjuridica.com\/buscador_20179478954\/corteconstitucionalcronologico202454587\/t-209-04\/\" class=\"_self pt-cv-readmore btn btn-success\" target=\"_self\">Ver Sentencia Completa...<\/a><\/div><\/div><\/div><\/div>\n<div class=\"col-md-12 col-sm-12 col-xs-12 pt-cv-content-item pt-cv-1-col\" ><div class='pt-cv-ifield'><a href=\"https:\/\/www.dmsjuridica.com\/buscador_20179478954\/corteconstitucionalcronologico202454587\/t-208-04\/\" class=\"_self pt-cv-href-thumbnail pt-cv-thumb-default\" target=\"_self\" ><\/a>\n<div class=\"pt-cv-taxoterm above_title\"><a href='https:\/\/www.dmsjuridica.com\/buscador_20179478954\/corteconstitucionalcronologico202454587\/category\/buscar-en-toda-la-corte\/2004\/tutelas-2004\/' title='Tutelas 2004' class='pt-cv-tax-tutelas-2004'>Tutelas 2004<\/a><\/div>\n<h4 class=\"pt-cv-title\"><a href=\"https:\/\/www.dmsjuridica.com\/buscador_20179478954\/corteconstitucionalcronologico202454587\/t-208-04\/\" class=\"_self\" target=\"_self\" >T-208-04<\/a><\/h4>\n<div class=\"pt-cv-content\">\u00a0 \u00a0 Sentencia T-208\/04 \u00a0 Referencia: expediente T-811396 \u00a0 Acci\u00f3n de tutela instaurada por Mar\u00eda Leticia Bilbao Ruiz en nombre de Mar\u00eda Roc\u00edo Rodr\u00edguez, contra la Direcci\u00f3n de Aseguramiento de la Secretar\u00eda de Salud del Municipio de Bello. \u00a0 Magistrado Ponente: \u00a0 Dr. MANUEL JOSE CEPEDA ESPINOSA \u00a0 Bogot\u00e1, D. C., cinco (5) de marzo de dos mil cuatro (2004). \u00a0 La Sala Tercera de Revisi\u00f3n de la Corte Constitucional, integrada por los magistrados Manuel Jos\u00e9 Cepeda Espinosa, Jaime C\u00f3rdoba Trivi\u00f1o y Rodrigo Escobar Gil, en ejercicio de sus competencias constitucionales y legales, ha proferido la siguiente\u00a0 \u00a0 SENTENCIA \u00a0 ...<br \/><div class=\"pt-cv-rmwrap\"><a href=\"https:\/\/www.dmsjuridica.com\/buscador_20179478954\/corteconstitucionalcronologico202454587\/t-208-04\/\" class=\"_self pt-cv-readmore btn btn-success\" target=\"_self\">Ver Sentencia Completa...<\/a><\/div><\/div><\/div><\/div>\n<div class=\"col-md-12 col-sm-12 col-xs-12 pt-cv-content-item pt-cv-1-col\" ><div class='pt-cv-ifield'><a href=\"https:\/\/www.dmsjuridica.com\/buscador_20179478954\/corteconstitucionalcronologico202454587\/t-207-04\/\" class=\"_self pt-cv-href-thumbnail pt-cv-thumb-default\" target=\"_self\" ><\/a>\n<div class=\"pt-cv-taxoterm above_title\"><a href='https:\/\/www.dmsjuridica.com\/buscador_20179478954\/corteconstitucionalcronologico202454587\/category\/buscar-en-toda-la-corte\/2004\/tutelas-2004\/' title='Tutelas 2004' class='pt-cv-tax-tutelas-2004'>Tutelas 2004<\/a><\/div>\n<h4 class=\"pt-cv-title\"><a href=\"https:\/\/www.dmsjuridica.com\/buscador_20179478954\/corteconstitucionalcronologico202454587\/t-207-04\/\" class=\"_self\" target=\"_self\" >T-207-04<\/a><\/h4>\n<div class=\"pt-cv-content\">\u00a0 \u00a0 Sentencia T-207\/04 \u00a0 ACCION DE TUTELA-Hecho superado por pago parcial de acreencias laborales \u00a0 ACCION DE TUTELA-Inmediatez en caso de acreencias laborales \u00a0 Reiteraci\u00f3n de Jurisprudencia \u00a0 Referencia: expediente T-795725 \u00a0 Acci\u00f3n de tutela instaurada por Mar\u00eda Olivia Palacios Perea contra el Departamento de Choc\u00f3. \u00a0 Magistrado Ponente: \u00a0 Dr. MANUEL JOS\u00c9 CEPEDA ESPINOSA \u00a0 Bogot\u00e1, D. C., cinco (5) de marzo de dos mil cuatro (2004). \u00a0 La Sala Tercera de Revisi\u00f3n de la Corte Constitucional, en ejercicio de sus competencias constitucionales y legales, en particular las contenidas en los art\u00edculos 86 y 241, numeral 9, de ...<br \/><div class=\"pt-cv-rmwrap\"><a href=\"https:\/\/www.dmsjuridica.com\/buscador_20179478954\/corteconstitucionalcronologico202454587\/t-207-04\/\" class=\"_self pt-cv-readmore btn btn-success\" target=\"_self\">Ver Sentencia Completa...<\/a><\/div><\/div><\/div><\/div>\n<div class=\"col-md-12 col-sm-12 col-xs-12 pt-cv-content-item pt-cv-1-col\" ><div class='pt-cv-ifield'><a href=\"https:\/\/www.dmsjuridica.com\/buscador_20179478954\/corteconstitucionalcronologico202454587\/t-206-04\/\" class=\"_self pt-cv-href-thumbnail pt-cv-thumb-default\" target=\"_self\" ><\/a>\n<div class=\"pt-cv-taxoterm above_title\"><a href='https:\/\/www.dmsjuridica.com\/buscador_20179478954\/corteconstitucionalcronologico202454587\/category\/buscar-en-toda-la-corte\/2004\/tutelas-2004\/' title='Tutelas 2004' class='pt-cv-tax-tutelas-2004'>Tutelas 2004<\/a><\/div>\n<h4 class=\"pt-cv-title\"><a href=\"https:\/\/www.dmsjuridica.com\/buscador_20179478954\/corteconstitucionalcronologico202454587\/t-206-04\/\" class=\"_self\" target=\"_self\" >T-206-04<\/a><\/h4>\n<div class=\"pt-cv-content\">\u00a0 \u00a0 Sentencia T-206\/04 \u00a0 REGISTRO ESPECIAL DE PRESTADORES DE SALUD-No registro de Home\u00f3patas por carecer de t\u00edtulo profesional \u00a0 DEBIDO PROCESO-Vulneraci\u00f3n por indebida comunicaci\u00f3n de decisi\u00f3n administrativa \u00a0 ACTO ADMINISTRATIVO DE CARACTER PARTICULAR Y ACCION DE REPARACION DIRECTA-Expedido por quien carec\u00eda de competencia \u00a0 En el caso en cuesti\u00f3n, al no haber sido el Secretario Distrital de Salud quien profiri\u00f3 la mencionada comunicaci\u00f3n, sino una persona que cumple funciones secretariales en su despacho, le es imposible a esta Sala de Revisi\u00f3n darle car\u00e1cter de acto administrativo a la citada comunicaci\u00f3n del 27 de junio de 2003, porque quien la ...<br \/><div class=\"pt-cv-rmwrap\"><a href=\"https:\/\/www.dmsjuridica.com\/buscador_20179478954\/corteconstitucionalcronologico202454587\/t-206-04\/\" class=\"_self pt-cv-readmore btn btn-success\" target=\"_self\">Ver Sentencia Completa...<\/a><\/div><\/div><\/div><\/div>\n<div class=\"col-md-12 col-sm-12 col-xs-12 pt-cv-content-item pt-cv-1-col\" ><div class='pt-cv-ifield'><a href=\"https:\/\/www.dmsjuridica.com\/buscador_20179478954\/corteconstitucionalcronologico202454587\/t-205-04\/\" class=\"_self pt-cv-href-thumbnail pt-cv-thumb-default\" target=\"_self\" ><\/a>\n<div class=\"pt-cv-taxoterm above_title\"><a href='https:\/\/www.dmsjuridica.com\/buscador_20179478954\/corteconstitucionalcronologico202454587\/category\/buscar-en-toda-la-corte\/2004\/tutelas-2004\/' title='Tutelas 2004' class='pt-cv-tax-tutelas-2004'>Tutelas 2004<\/a><\/div>\n<h4 class=\"pt-cv-title\"><a href=\"https:\/\/www.dmsjuridica.com\/buscador_20179478954\/corteconstitucionalcronologico202454587\/t-205-04\/\" class=\"_self\" target=\"_self\" >T-205-04<\/a><\/h4>\n<div class=\"pt-cv-content\">\u00a0 \u00a0 Sentencia T-205\/04 \u00a0 FUERO SINDICAL Y PROCESOS DE REESTRUCTURACION ADMINISTRATIVA \u00a0 DEBIDO PROCESO LABORAL Y RECURSO DE APELACION-Necesaria consonancia del fallo de segunda instancia con el objeto del recurso \u00a0 En ninguno de los tres fallos proferidos por el Tribunal por v\u00eda de apelaci\u00f3n, los jueces se pronunciaron sobre el proceso de reestructuraci\u00f3n y sus implicaciones en materia de fuero sindical. Por el contrario, en las referidas sentencias el ad quem se limit\u00f3 a examinar la existencia del sindicato, tema que, se insiste, jam\u00e1s fue materia de discusi\u00f3n o controversia en la primera instancia; es m\u00e1s, el demandado ...<br \/><div class=\"pt-cv-rmwrap\"><a href=\"https:\/\/www.dmsjuridica.com\/buscador_20179478954\/corteconstitucionalcronologico202454587\/t-205-04\/\" class=\"_self pt-cv-readmore btn btn-success\" target=\"_self\">Ver Sentencia Completa...<\/a><\/div><\/div><\/div><\/div>\n<div class=\"col-md-12 col-sm-12 col-xs-12 pt-cv-content-item pt-cv-1-col\" ><div class='pt-cv-ifield'><a href=\"https:\/\/www.dmsjuridica.com\/buscador_20179478954\/corteconstitucionalcronologico202454587\/t-204-04\/\" class=\"_self pt-cv-href-thumbnail pt-cv-thumb-default\" target=\"_self\" ><\/a>\n<div class=\"pt-cv-taxoterm above_title\"><a href='https:\/\/www.dmsjuridica.com\/buscador_20179478954\/corteconstitucionalcronologico202454587\/category\/buscar-en-toda-la-corte\/2004\/tutelas-2004\/' title='Tutelas 2004' class='pt-cv-tax-tutelas-2004'>Tutelas 2004<\/a><\/div>\n<h4 class=\"pt-cv-title\"><a href=\"https:\/\/www.dmsjuridica.com\/buscador_20179478954\/corteconstitucionalcronologico202454587\/t-204-04\/\" class=\"_self\" target=\"_self\" >T-204-04<\/a><\/h4>\n<div class=\"pt-cv-content\">\u00a0 \u00a0 Sentencia T-204\/04 \u00a0 ENTIDAD BANCARIA-Error en la reliquidaci\u00f3n de un cr\u00e9dito\/ACTO PROPIO-Respeto\/ACTO PROPIO-Condiciones para su aplicaci\u00f3n\/DEBIDO PROCESO-Vulneraci\u00f3n por Bancaf\u00e9 \u00a0 Al igual que en casos anteriores cuyos supuestos f\u00e1cticos son similares a los aqu\u00ed analizados, un Banco genera actos propios que crean una situaci\u00f3n jur\u00eddica concreta respecto de un cliente, imponi\u00e9ndole unas obligaciones en relaci\u00f3n con sus cr\u00e9ditos hipotecarios; luego, tal usuario financiero, acata dichos actos con unas consecuencias jur\u00eddicas y econ\u00f3micas muy concretas; y, finalmente, el Banco, desconoce sus propios actos y los efectos que estos generaron, imponiendo una posici\u00f3n jur\u00eddica distinta a la inicialmente asumida, con ...<br \/><div class=\"pt-cv-rmwrap\"><a href=\"https:\/\/www.dmsjuridica.com\/buscador_20179478954\/corteconstitucionalcronologico202454587\/t-204-04\/\" class=\"_self pt-cv-readmore btn btn-success\" target=\"_self\">Ver Sentencia Completa...<\/a><\/div><\/div><\/div><\/div>\n<div class=\"col-md-12 col-sm-12 col-xs-12 pt-cv-content-item pt-cv-1-col\" ><div class='pt-cv-ifield'><a href=\"https:\/\/www.dmsjuridica.com\/buscador_20179478954\/corteconstitucionalcronologico202454587\/t-203-04\/\" class=\"_self pt-cv-href-thumbnail pt-cv-thumb-default\" target=\"_self\" ><\/a>\n<div class=\"pt-cv-taxoterm above_title\"><a href='https:\/\/www.dmsjuridica.com\/buscador_20179478954\/corteconstitucionalcronologico202454587\/category\/buscar-en-toda-la-corte\/2004\/tutelas-2004\/' title='Tutelas 2004' class='pt-cv-tax-tutelas-2004'>Tutelas 2004<\/a><\/div>\n<h4 class=\"pt-cv-title\"><a href=\"https:\/\/www.dmsjuridica.com\/buscador_20179478954\/corteconstitucionalcronologico202454587\/t-203-04\/\" class=\"_self\" target=\"_self\" >T-203-04<\/a><\/h4>\n<div class=\"pt-cv-content\">\u00a0 \u00a0 Sentencia T-203\/04 \u00a0 FUERO SINDICAL Y PROCESOS DE REESTRUCTURACION ADMINISTRATIVA \u00a0 DEBIDO PROCESO DE TRABAJADORES OFICIALES SINDICALIZADOS-Vulneraci\u00f3n por despidos colectivos por reestructuraci\u00f3n y sin autorizaci\u00f3n judicial\/DERECHO DE ASOCIACION SINDICAL-Vulneraci\u00f3n por despidos colectivos por reestructuraci\u00f3n \u00a0 La Sala de Revisi\u00f3n considera que en los casos de reestructuraci\u00f3n de pasivos de entidades p\u00fablicas, la Administraci\u00f3n tiene el deber de acudir previamente ante el juez laboral cuando quiera que sea necesario suprimir un cargo que viene siendo ocupado por un trabajador aforado. As\u00ed pues, el funcionario judicial determinar\u00e1 si el proceso de reestructuraci\u00f3n constituye o no una justa causa para levantar ...<br \/><div class=\"pt-cv-rmwrap\"><a href=\"https:\/\/www.dmsjuridica.com\/buscador_20179478954\/corteconstitucionalcronologico202454587\/t-203-04\/\" class=\"_self pt-cv-readmore btn btn-success\" target=\"_self\">Ver Sentencia Completa...<\/a><\/div><\/div><\/div><\/div>\n<div class=\"col-md-12 col-sm-12 col-xs-12 pt-cv-content-item pt-cv-1-col\" ><div class='pt-cv-ifield'><a href=\"https:\/\/www.dmsjuridica.com\/buscador_20179478954\/corteconstitucionalcronologico202454587\/t-202-04\/\" class=\"_self pt-cv-href-thumbnail pt-cv-thumb-default\" target=\"_self\" ><\/a>\n<div class=\"pt-cv-taxoterm above_title\"><a href='https:\/\/www.dmsjuridica.com\/buscador_20179478954\/corteconstitucionalcronologico202454587\/category\/buscar-en-toda-la-corte\/2004\/tutelas-2004\/' title='Tutelas 2004' class='pt-cv-tax-tutelas-2004'>Tutelas 2004<\/a><\/div>\n<h4 class=\"pt-cv-title\"><a href=\"https:\/\/www.dmsjuridica.com\/buscador_20179478954\/corteconstitucionalcronologico202454587\/t-202-04\/\" class=\"_self\" target=\"_self\" >T-202-04<\/a><\/h4>\n<div class=\"pt-cv-content\">\u00a0 \u00a0 Sentencia T-202\/04 \u00a0 DERECHO A LA SALUD DE MENOR DE EDAD DISCAPACITADO-Realizaci\u00f3n de terapias f\u00edsicas y del lenguaje en el municipio en que reside o en su domicilio \u00a0 Es evidente que en el presente caso, lo requerido por el menor no es un procedimiento quir\u00fargico ni un tratamiento de alta complejidad que haga imprescindible su desplazamiento a la ciudad de Neiva, sin embargo, una protecci\u00f3n efectiva que es la que se busca en el amparo constitucional, obliga a considerar que es m\u00e1s viable dadas las condiciones de la madre y del menor, recibir las terapias en un ...<br \/><div class=\"pt-cv-rmwrap\"><a href=\"https:\/\/www.dmsjuridica.com\/buscador_20179478954\/corteconstitucionalcronologico202454587\/t-202-04\/\" class=\"_self pt-cv-readmore btn btn-success\" target=\"_self\">Ver Sentencia Completa...<\/a><\/div><\/div><\/div><\/div>\n<div class=\"col-md-12 col-sm-12 col-xs-12 pt-cv-content-item pt-cv-1-col\" ><div class='pt-cv-ifield'><a href=\"https:\/\/www.dmsjuridica.com\/buscador_20179478954\/corteconstitucionalcronologico202454587\/t-201-04\/\" class=\"_self pt-cv-href-thumbnail pt-cv-thumb-default\" target=\"_self\" ><\/a>\n<div class=\"pt-cv-taxoterm above_title\"><a href='https:\/\/www.dmsjuridica.com\/buscador_20179478954\/corteconstitucionalcronologico202454587\/category\/buscar-en-toda-la-corte\/2004\/tutelas-2004\/' title='Tutelas 2004' class='pt-cv-tax-tutelas-2004'>Tutelas 2004<\/a><\/div>\n<h4 class=\"pt-cv-title\"><a href=\"https:\/\/www.dmsjuridica.com\/buscador_20179478954\/corteconstitucionalcronologico202454587\/t-201-04\/\" class=\"_self\" target=\"_self\" >T-201-04<\/a><\/h4>\n<div class=\"pt-cv-content\">\u00a0 \u00a0 Sentencia T-201\/04 \u00a0 ACCION DE TUTELA-Hecho superado por cuanto ya se dict\u00f3 sentencia \u00a0 Referencia: expediente T-810601 \u00a0 Acci\u00f3n de tutela instaurada por Heriberto Ortiz Ocampo contra el Juzgado Primero Penal del Circuito de Palmira. \u00a0 Magistrada Ponente: \u00a0 Dra. CLARA IN\u00c9S VARGAS HERN\u00c1NDEZ \u00a0 Bogot\u00e1, D. C., cuatro (4) de marzo de dos mil cuatro (2004).\u00a0 \u00a0 SENTENCIA \u00a0 Dentro de la acci\u00f3n de tutela promovida por el se\u00f1or Heriberto Ortiz Ocampo contra el Juzgado Primero Penal del Circuito de Palmira, por considerar vulnerado su derecho fundamental al debido proceso.\u00a0 \u00a0 I.- \u00a0ANTECEDENTES \u00a0 1.- Hechos. \u00a0 ...<br \/><div class=\"pt-cv-rmwrap\"><a href=\"https:\/\/www.dmsjuridica.com\/buscador_20179478954\/corteconstitucionalcronologico202454587\/t-201-04\/\" class=\"_self pt-cv-readmore btn btn-success\" target=\"_self\">Ver Sentencia Completa...<\/a><\/div><\/div><\/div><\/div>\n<div class=\"col-md-12 col-sm-12 col-xs-12 pt-cv-content-item pt-cv-1-col\" ><div class='pt-cv-ifield'><a href=\"https:\/\/www.dmsjuridica.com\/buscador_20179478954\/corteconstitucionalcronologico202454587\/t-200-04\/\" class=\"_self pt-cv-href-thumbnail pt-cv-thumb-default\" target=\"_self\" ><\/a>\n<div class=\"pt-cv-taxoterm above_title\"><a href='https:\/\/www.dmsjuridica.com\/buscador_20179478954\/corteconstitucionalcronologico202454587\/category\/buscar-en-toda-la-corte\/2004\/tutelas-2004\/' title='Tutelas 2004' class='pt-cv-tax-tutelas-2004'>Tutelas 2004<\/a><\/div>\n<h4 class=\"pt-cv-title\"><a href=\"https:\/\/www.dmsjuridica.com\/buscador_20179478954\/corteconstitucionalcronologico202454587\/t-200-04\/\" class=\"_self\" target=\"_self\" >T-200-04<\/a><\/h4>\n<div class=\"pt-cv-content\">\u00a0 \u00a0 Sentencia T-200\/04 \u00a0 CORTE SUPREMA DE JUSTICIA-Tesis respecto a que la persona jur\u00eddica no es titular de derechos fundamentales \u00a0 PERSONA JURIDICA-Titularidad de derechos fundamentales \u00a0 PERSONA JURIDICA-Ostentan derechos fundamentales por dos v\u00edas \u00a0 La Corte ha precisado que las personas jur\u00eddicas ostentan derechos fundamentales por lo menos por dos v\u00edas. Primero, cuando la afectaci\u00f3n de una de sus garant\u00edas constitucionales vulnera tambi\u00e9n los derechos fundamentales de las personas naturales (v\u00eda indirecta) y cuando son capaces de ejercitar por s\u00ed mismas derechos consagrados en el ordenamiento superior (v\u00eda directa). En ambos casos, la acci\u00f3n de tutela resulta procedente, ...<br \/><div class=\"pt-cv-rmwrap\"><a href=\"https:\/\/www.dmsjuridica.com\/buscador_20179478954\/corteconstitucionalcronologico202454587\/t-200-04\/\" class=\"_self pt-cv-readmore btn btn-success\" target=\"_self\">Ver Sentencia Completa...<\/a><\/div><\/div><\/div><\/div>\n<div class=\"col-md-12 col-sm-12 col-xs-12 pt-cv-content-item pt-cv-1-col\" ><div class='pt-cv-ifield'><a href=\"https:\/\/www.dmsjuridica.com\/buscador_20179478954\/corteconstitucionalcronologico202454587\/t-199-04\/\" class=\"_self pt-cv-href-thumbnail pt-cv-thumb-default\" target=\"_self\" ><\/a>\n<div class=\"pt-cv-taxoterm above_title\"><a href='https:\/\/www.dmsjuridica.com\/buscador_20179478954\/corteconstitucionalcronologico202454587\/category\/buscar-en-toda-la-corte\/2004\/tutelas-2004\/' title='Tutelas 2004' class='pt-cv-tax-tutelas-2004'>Tutelas 2004<\/a><\/div>\n<h4 class=\"pt-cv-title\"><a href=\"https:\/\/www.dmsjuridica.com\/buscador_20179478954\/corteconstitucionalcronologico202454587\/t-199-04\/\" class=\"_self\" target=\"_self\" >T-199-04<\/a><\/h4>\n<div class=\"pt-cv-content\">\u00a0 \u00a0 Sentencia T-199\/04 \u00a0 ACCION DE TUTELA CONTRA LA SUPERINTENDENCIA DE SOCIEDADES-Prueba sobre la existencia de cr\u00e9dito en proceso de liquidaci\u00f3n obligatoria \u00a0 PROCESO DE LIQUIDACION OBLIGATORIA Y DEBEIDO PROCESO-No implica violaci\u00f3n a \u00e9ste el exigir prueba de la existencia de los cr\u00e9ditos\/ACUERDO DE REESTRUCTURACION-La participaci\u00f3n en \u00e9ste no implica el que no se exija luego prueba \u00a0 ACUERDO DE REESTRUCTURACION Y CONCORDATO-Son tr\u00e1mites diferentes \u00a0 PROCESO DE LIQUIDACION OBLIGATORIA-Finalidad\/ACUERDO DE REESTRUCTURACION-Finalidad \u00a0 La finalidad de un proceso de liquidaci\u00f3n obligatoria es satisfacer las acreencias contra\u00eddas por el deudor con sus diversos acreedores, sean \u00e9stos particulares o entidades p\u00fablicas ...<br \/><div class=\"pt-cv-rmwrap\"><a href=\"https:\/\/www.dmsjuridica.com\/buscador_20179478954\/corteconstitucionalcronologico202454587\/t-199-04\/\" class=\"_self pt-cv-readmore btn btn-success\" target=\"_self\">Ver Sentencia Completa...<\/a><\/div><\/div><\/div><\/div>\n<div class=\"col-md-12 col-sm-12 col-xs-12 pt-cv-content-item pt-cv-1-col\" ><div class='pt-cv-ifield'><a href=\"https:\/\/www.dmsjuridica.com\/buscador_20179478954\/corteconstitucionalcronologico202454587\/t-198-04\/\" class=\"_self pt-cv-href-thumbnail pt-cv-thumb-default\" target=\"_self\" ><\/a>\n<div class=\"pt-cv-taxoterm above_title\"><a href='https:\/\/www.dmsjuridica.com\/buscador_20179478954\/corteconstitucionalcronologico202454587\/category\/buscar-en-toda-la-corte\/2004\/tutelas-2004\/' title='Tutelas 2004' class='pt-cv-tax-tutelas-2004'>Tutelas 2004<\/a><\/div>\n<h4 class=\"pt-cv-title\"><a href=\"https:\/\/www.dmsjuridica.com\/buscador_20179478954\/corteconstitucionalcronologico202454587\/t-198-04\/\" class=\"_self\" target=\"_self\" >T-198-04<\/a><\/h4>\n<div class=\"pt-cv-content\">\u00a0 \u00a0 Sentencia T-198\/04 \u00a0 PLAN OBLIGATORIO DE SALUD-Exclusi\u00f3n de cirug\u00eda est\u00e9tica \u00a0 Referencia: expediente T-809097 \u00a0 Acci\u00f3n de tutela interpuesta por Mar\u00eda Jacqueline Z\u00fa\u00f1iga Sterling en contra de SALUDCOOP E.P.S. \u00a0 Magistrado Ponente: \u00a0 Dr. EDUARDO MONTEALEGRE LYNETT. \u00a0 Bogot\u00e1 D. C., cuatro (4) de marzo de dos mil cuatro (2004). \u00a0 La Sala S\u00e9ptima de Revisi\u00f3n de la Corte Constitucional, integrada por los Magistrados Eduardo Montealegre Lynett, Alvaro Tafur Galvis y Clara In\u00e9s Vargas Hern\u00e1ndez, en uso de sus facultades constitucionales y legales ha proferido la siguiente \u00a0 SENTENCIA \u00a0 dentro del proceso de revisi\u00f3n del fallo dictado ...<br \/><div class=\"pt-cv-rmwrap\"><a href=\"https:\/\/www.dmsjuridica.com\/buscador_20179478954\/corteconstitucionalcronologico202454587\/t-198-04\/\" class=\"_self pt-cv-readmore btn btn-success\" target=\"_self\">Ver Sentencia Completa...<\/a><\/div><\/div><\/div><\/div>\n<div class=\"col-md-12 col-sm-12 col-xs-12 pt-cv-content-item pt-cv-1-col\" ><div class='pt-cv-ifield'><a href=\"https:\/\/www.dmsjuridica.com\/buscador_20179478954\/corteconstitucionalcronologico202454587\/t-197-04\/\" class=\"_self pt-cv-href-thumbnail pt-cv-thumb-default\" target=\"_self\" ><\/a>\n<div class=\"pt-cv-taxoterm above_title\"><a href='https:\/\/www.dmsjuridica.com\/buscador_20179478954\/corteconstitucionalcronologico202454587\/category\/buscar-en-toda-la-corte\/2004\/tutelas-2004\/' title='Tutelas 2004' class='pt-cv-tax-tutelas-2004'>Tutelas 2004<\/a><\/div>\n<h4 class=\"pt-cv-title\"><a href=\"https:\/\/www.dmsjuridica.com\/buscador_20179478954\/corteconstitucionalcronologico202454587\/t-197-04\/\" class=\"_self\" target=\"_self\" >T-197-04<\/a><\/h4>\n<div class=\"pt-cv-content\">\u00a0 \u00a0 Sentencia T-197\/04 \u00a0 DERECHO A LA SALUD DEL ENFERMO DE SIDA-Examen de carga viral y CD4 \u00a0 Reiteraci\u00f3n de Jurisprudencia \u00a0 \u00a0 Referencia: expediente T-813715 \u00a0 Acci\u00f3n de tutela instaurada por Jaime Morales Villamil contra el Instituto de Seguros Sociales E.P.S. \u00a0 Magistrado Ponente: \u00a0 Dr. EDUARDO MONTEALEGRE LYNETT \u00a0 Bogot\u00e1, D. C., cuatro (4) de marzo de dos mil cuatro (2004). \u00a0 La Sala S\u00e9ptima de Revisi\u00f3n de la Corte Constitucional, integrada por los Magistrados Eduardo Montealegre Lynett, \u00c1lvaro Tafur Galvis y Clara In\u00e9s Vargas Hern\u00e1ndez, en ejercicio de sus competencias constitucionales y legales, en particular las ...<br \/><div class=\"pt-cv-rmwrap\"><a href=\"https:\/\/www.dmsjuridica.com\/buscador_20179478954\/corteconstitucionalcronologico202454587\/t-197-04\/\" class=\"_self pt-cv-readmore btn btn-success\" target=\"_self\">Ver Sentencia Completa...<\/a><\/div><\/div><\/div><\/div>\n<div class=\"col-md-12 col-sm-12 col-xs-12 pt-cv-content-item pt-cv-1-col\" ><div class='pt-cv-ifield'><a href=\"https:\/\/www.dmsjuridica.com\/buscador_20179478954\/corteconstitucionalcronologico202454587\/t-196-04\/\" class=\"_self pt-cv-href-thumbnail pt-cv-thumb-default\" target=\"_self\" ><\/a>\n<div class=\"pt-cv-taxoterm above_title\"><a href='https:\/\/www.dmsjuridica.com\/buscador_20179478954\/corteconstitucionalcronologico202454587\/category\/buscar-en-toda-la-corte\/2004\/tutelas-2004\/' title='Tutelas 2004' class='pt-cv-tax-tutelas-2004'>Tutelas 2004<\/a><\/div>\n<h4 class=\"pt-cv-title\"><a href=\"https:\/\/www.dmsjuridica.com\/buscador_20179478954\/corteconstitucionalcronologico202454587\/t-196-04\/\" class=\"_self\" target=\"_self\" >T-196-04<\/a><\/h4>\n<div class=\"pt-cv-content\">\u00a0 \u00a0 Sentencia T-196\/04 \u00a0 LICENCIA DE MATERNIDAD-Reglas de jurisprudencia para la procedencia de la tutela \u00a0 LICENCIA DE MATERNIDAD-Pago oportuno\/LICENCIA DE MATERNIDAD-Pago por allanamiento a la mora por EPS \u00a0 Si las reglas jurisprudenciales referidas a la procedencia de la acci\u00f3n de tutela se aplican al caso que ocupa la atenci\u00f3n de la Sala, las conclusiones que se obtienen son las siguientes: a. El empleador de la demandante incumpli\u00f3 la obligaci\u00f3n legal que le asiste de pagar oportunamente los aportes al sistema de seguridad social en salud. Trat\u00e1ndose de un peque\u00f1o aportante, y seg\u00fan su identificaci\u00f3n, deb\u00eda realizar los ...<br \/><div class=\"pt-cv-rmwrap\"><a href=\"https:\/\/www.dmsjuridica.com\/buscador_20179478954\/corteconstitucionalcronologico202454587\/t-196-04\/\" class=\"_self pt-cv-readmore btn btn-success\" target=\"_self\">Ver Sentencia Completa...<\/a><\/div><\/div><\/div><\/div>\n<div class=\"col-md-12 col-sm-12 col-xs-12 pt-cv-content-item pt-cv-1-col\" ><div class='pt-cv-ifield'><a href=\"https:\/\/www.dmsjuridica.com\/buscador_20179478954\/corteconstitucionalcronologico202454587\/t-195-04\/\" class=\"_self pt-cv-href-thumbnail pt-cv-thumb-default\" target=\"_self\" ><\/a>\n<div class=\"pt-cv-taxoterm above_title\"><a href='https:\/\/www.dmsjuridica.com\/buscador_20179478954\/corteconstitucionalcronologico202454587\/category\/buscar-en-toda-la-corte\/2004\/tutelas-2004\/' title='Tutelas 2004' class='pt-cv-tax-tutelas-2004'>Tutelas 2004<\/a><\/div>\n<h4 class=\"pt-cv-title\"><a href=\"https:\/\/www.dmsjuridica.com\/buscador_20179478954\/corteconstitucionalcronologico202454587\/t-195-04\/\" class=\"_self\" target=\"_self\" >T-195-04<\/a><\/h4>\n<div class=\"pt-cv-content\">\u00a0 \u00a0 Sentencia T-195\/04 \u00a0 ACTO PROPIO-Respeto\/REVOCATORIA DE ACTO ADMINISTRATIVO DE RECONOCIMIENTO DE PENSION-Improcedencia \u00a0 Si una entidad expide un acto por el cual reconoce un derecho, - como puede ser el reconocimiento de una pensi\u00f3n convencional -, y posteriormente suspende o revoca de manera unilateral y sin consultar con la persona a quien hab\u00eda reconocido tal derecho, estar\u00e1 desconociendo adem\u00e1s del principio del respeto al propio, los principios de buena fe y confianza legitima, y vulnerar\u00e1 igualmente el derecho fundamental al debido proceso. Ciertamente, s\u00f3lo en el evento en que la expedici\u00f3n del acto que reconoci\u00f3 un derecho haya ...<br \/><div class=\"pt-cv-rmwrap\"><a href=\"https:\/\/www.dmsjuridica.com\/buscador_20179478954\/corteconstitucionalcronologico202454587\/t-195-04\/\" class=\"_self pt-cv-readmore btn btn-success\" target=\"_self\">Ver Sentencia Completa...<\/a><\/div><\/div><\/div><\/div>\n<div class=\"col-md-12 col-sm-12 col-xs-12 pt-cv-content-item pt-cv-1-col\" ><div class='pt-cv-ifield'><a href=\"https:\/\/www.dmsjuridica.com\/buscador_20179478954\/corteconstitucionalcronologico202454587\/t-194-04\/\" class=\"_self pt-cv-href-thumbnail pt-cv-thumb-default\" target=\"_self\" ><\/a>\n<div class=\"pt-cv-taxoterm above_title\"><a href='https:\/\/www.dmsjuridica.com\/buscador_20179478954\/corteconstitucionalcronologico202454587\/category\/buscar-en-toda-la-corte\/2004\/tutelas-2004\/' title='Tutelas 2004' class='pt-cv-tax-tutelas-2004'>Tutelas 2004<\/a><\/div>\n<h4 class=\"pt-cv-title\"><a href=\"https:\/\/www.dmsjuridica.com\/buscador_20179478954\/corteconstitucionalcronologico202454587\/t-194-04\/\" class=\"_self\" target=\"_self\" >T-194-04<\/a><\/h4>\n<div class=\"pt-cv-content\">\u00a0 \u00a0 Sentencia T-194\/04 \u00a0 DERECHO A LA EDUCACION-Condicionamiento de entrega de certificaciones al pago de sumas debidas\/CAPACIDAD ECONOMICA-Prueba en caso de estudiante \u00a0 La retenci\u00f3n de documentos por parte de los directivos de los planteles educativos resulta inconstitucional, cuando se demuestra que el deudor carece por completo de medios econ\u00f3micos para cumplir con sus obligaciones. En eventos como este, se proceder\u00e1 a celebrar con los padres de familia un acuerdo de pago, generalmente avalado con t\u00edtulos valores, para que los menores puedan continuar con sus planes de estudio y para que, al mismo tiempo, los centros educativos cuenten con ...<br \/><div class=\"pt-cv-rmwrap\"><a href=\"https:\/\/www.dmsjuridica.com\/buscador_20179478954\/corteconstitucionalcronologico202454587\/t-194-04\/\" class=\"_self pt-cv-readmore btn btn-success\" target=\"_self\">Ver Sentencia Completa...<\/a><\/div><\/div><\/div><\/div>\n<div class=\"col-md-12 col-sm-12 col-xs-12 pt-cv-content-item pt-cv-1-col\" ><div class='pt-cv-ifield'><a href=\"https:\/\/www.dmsjuridica.com\/buscador_20179478954\/corteconstitucionalcronologico202454587\/t-193-04\/\" class=\"_self pt-cv-href-thumbnail pt-cv-thumb-default\" target=\"_self\" ><\/a>\n<div class=\"pt-cv-taxoterm above_title\"><a href='https:\/\/www.dmsjuridica.com\/buscador_20179478954\/corteconstitucionalcronologico202454587\/category\/buscar-en-toda-la-corte\/2004\/tutelas-2004\/' title='Tutelas 2004' class='pt-cv-tax-tutelas-2004'>Tutelas 2004<\/a><\/div>\n<h4 class=\"pt-cv-title\"><a href=\"https:\/\/www.dmsjuridica.com\/buscador_20179478954\/corteconstitucionalcronologico202454587\/t-193-04\/\" class=\"_self\" target=\"_self\" >T-193-04<\/a><\/h4>\n<div class=\"pt-cv-content\">\u00a0 \u00a0 Sentencia T-193\/04 \u00a0 ACCION DE TUTELA-Improcedencia para ordenar reconocimiento de pensiones \u00a0 Es improcedente la acci\u00f3n de tutela para el reconocimiento de un derecho pensional salvo en la circunstancia de la ineptitud del medio judicial establecido en el ordenamiento jur\u00eddico para tramitar dicho asunto o de la ocurrencia del perjuicio irremediable que haga viable el amparo tutelar transitorio y urgente para evitar la vulneraci\u00f3n irreparable de los derechos fundamentales que resulten en juego, mientras se resuelve en forma definitiva el respectivo asunto por el sistema judicial ordinario. \u00a0 DERECHO A LA PENSION DE JUBILACION-Controversias entre el Seguro social ...<br \/><div class=\"pt-cv-rmwrap\"><a href=\"https:\/\/www.dmsjuridica.com\/buscador_20179478954\/corteconstitucionalcronologico202454587\/t-193-04\/\" class=\"_self pt-cv-readmore btn btn-success\" target=\"_self\">Ver Sentencia Completa...<\/a><\/div><\/div><\/div><\/div>\n<div class=\"col-md-12 col-sm-12 col-xs-12 pt-cv-content-item pt-cv-1-col\" ><div class='pt-cv-ifield'><a href=\"https:\/\/www.dmsjuridica.com\/buscador_20179478954\/corteconstitucionalcronologico202454587\/t-192-04\/\" class=\"_self pt-cv-href-thumbnail pt-cv-thumb-default\" target=\"_self\" ><\/a>\n<div class=\"pt-cv-taxoterm above_title\"><a href='https:\/\/www.dmsjuridica.com\/buscador_20179478954\/corteconstitucionalcronologico202454587\/category\/buscar-en-toda-la-corte\/2004\/tutelas-2004\/' title='Tutelas 2004' class='pt-cv-tax-tutelas-2004'>Tutelas 2004<\/a><\/div>\n<h4 class=\"pt-cv-title\"><a href=\"https:\/\/www.dmsjuridica.com\/buscador_20179478954\/corteconstitucionalcronologico202454587\/t-192-04\/\" class=\"_self\" target=\"_self\" >T-192-04<\/a><\/h4>\n<div class=\"pt-cv-content\">\u00a0 \u00a0 Sentencia T-192\/04 \u00a0 ACCION DE TUTELA CONTRA TRIBUNAL DE ARBRITRAMENTO-Competencia para conocer le corresponde al superior funcional \u00a0 La tutela se interpone contra un tribunal de arbitramento. Si bien en principio esta es una instituci\u00f3n conformada por particulares, los \u00e1rbitros no act\u00faan como tales, sino que se invisten temporalmente de la funci\u00f3n de administrar justicia. Administran justicia y, en esa medida, funcionalmente, sus actuaciones tienen la misma naturaleza de las adelantadas por los jueces. As\u00ed las cosas, la norma de competencia aplicable en el caso concreto es el art\u00edculo 1\u00ba, numeral 2\u00ba, par\u00e1grafo 1, del Decreto 1382\/00. Corresponde ...<br \/><div class=\"pt-cv-rmwrap\"><a href=\"https:\/\/www.dmsjuridica.com\/buscador_20179478954\/corteconstitucionalcronologico202454587\/t-192-04\/\" class=\"_self pt-cv-readmore btn btn-success\" target=\"_self\">Ver Sentencia Completa...<\/a><\/div><\/div><\/div><\/div>\n<div class=\"col-md-12 col-sm-12 col-xs-12 pt-cv-content-item pt-cv-1-col\" ><div class='pt-cv-ifield'><a href=\"https:\/\/www.dmsjuridica.com\/buscador_20179478954\/corteconstitucionalcronologico202454587\/t-191-04\/\" class=\"_self pt-cv-href-thumbnail pt-cv-thumb-default\" target=\"_self\" ><\/a>\n<div class=\"pt-cv-taxoterm above_title\"><a href='https:\/\/www.dmsjuridica.com\/buscador_20179478954\/corteconstitucionalcronologico202454587\/category\/buscar-en-toda-la-corte\/2004\/tutelas-2004\/' title='Tutelas 2004' class='pt-cv-tax-tutelas-2004'>Tutelas 2004<\/a><\/div>\n<h4 class=\"pt-cv-title\"><a href=\"https:\/\/www.dmsjuridica.com\/buscador_20179478954\/corteconstitucionalcronologico202454587\/t-191-04\/\" class=\"_self\" target=\"_self\" >T-191-04<\/a><\/h4>\n<div class=\"pt-cv-content\">\u00a0 \u00a0 Sentencia T-191\/04 \u00a0 EMBARGO DE SALARIOS DE FUNCIONARIOS Y EMPLEADOS DE LA RAMA JUDICIAL-Alcance de la prohibici\u00f3n contenida en el art\u00edculo 35 del Decreto - Ley 546 de 1971 \u00a0 Los salarios de los funcionarios de la Rama Judicial son embargables de acuerdo con las reglas generales y bajo la proporci\u00f3n fijada por \u00e9stas - es decir que s\u00f3lo es embargable la quinta parte del exceso del respectivo salario m\u00ednimo -, pero que en los casos espec\u00edficos mencionados por el art\u00edculo 35, el embargo puede cubrir hasta el 50% del salario o prestaci\u00f3n respectiva. Una lectura cuidadosa de ...<br \/><div class=\"pt-cv-rmwrap\"><a href=\"https:\/\/www.dmsjuridica.com\/buscador_20179478954\/corteconstitucionalcronologico202454587\/t-191-04\/\" class=\"_self pt-cv-readmore btn btn-success\" target=\"_self\">Ver Sentencia Completa...<\/a><\/div><\/div><\/div><\/div>\n<div class=\"col-md-12 col-sm-12 col-xs-12 pt-cv-content-item pt-cv-1-col\" ><div class='pt-cv-ifield'><a href=\"https:\/\/www.dmsjuridica.com\/buscador_20179478954\/corteconstitucionalcronologico202454587\/t-190-04\/\" class=\"_self pt-cv-href-thumbnail pt-cv-thumb-default\" target=\"_self\" ><\/a>\n<div class=\"pt-cv-taxoterm above_title\"><a href='https:\/\/www.dmsjuridica.com\/buscador_20179478954\/corteconstitucionalcronologico202454587\/category\/buscar-en-toda-la-corte\/2004\/tutelas-2004\/' title='Tutelas 2004' class='pt-cv-tax-tutelas-2004'>Tutelas 2004<\/a><\/div>\n<h4 class=\"pt-cv-title\"><a href=\"https:\/\/www.dmsjuridica.com\/buscador_20179478954\/corteconstitucionalcronologico202454587\/t-190-04\/\" class=\"_self\" target=\"_self\" >T-190-04<\/a><\/h4>\n<div class=\"pt-cv-content\">\u00a0 \u00a0 Sentencia T-190\/04 \u00a0 DERECHO A LA SALUD-Suministro de medicamentos \u00a0 INCAPACIDAD ECONOMICA DE PERSONA QUE REQUIERE MEDICAMENTO-Manifestaci\u00f3n sobre carencia de recursos econ\u00f3micos no requiere prueba \u00a0 Tal manifestaci\u00f3n sobre la carencia de recursos econ\u00f3micos no requiere prueba, por tratarse de una negaci\u00f3n indefinida (art. 177 del C.P.C.) y no fue desvirtuada por la entidad accionada, ni por la vinculada, ni por el juez de instancia en ejercicio de su facultad oficiosa de recaudar pruebas. Por consiguiente, est\u00e1 acreditada la incapacidad econ\u00f3mica de la peticionaria, contrariamente a lo planteado por aquel funcionario. \u00a0 Referencia: expediente T-798591 \u00a0 Acci\u00f3n de ...<br \/><div class=\"pt-cv-rmwrap\"><a href=\"https:\/\/www.dmsjuridica.com\/buscador_20179478954\/corteconstitucionalcronologico202454587\/t-190-04\/\" class=\"_self pt-cv-readmore btn btn-success\" target=\"_self\">Ver Sentencia Completa...<\/a><\/div><\/div><\/div><\/div>\n<div class=\"col-md-12 col-sm-12 col-xs-12 pt-cv-content-item pt-cv-1-col\" ><div class='pt-cv-ifield'><a href=\"https:\/\/www.dmsjuridica.com\/buscador_20179478954\/corteconstitucionalcronologico202454587\/t-189-04\/\" class=\"_self pt-cv-href-thumbnail pt-cv-thumb-default\" target=\"_self\" ><\/a>\n<div class=\"pt-cv-taxoterm above_title\"><a href='https:\/\/www.dmsjuridica.com\/buscador_20179478954\/corteconstitucionalcronologico202454587\/category\/buscar-en-toda-la-corte\/2004\/tutelas-2004\/' title='Tutelas 2004' class='pt-cv-tax-tutelas-2004'>Tutelas 2004<\/a><\/div>\n<h4 class=\"pt-cv-title\"><a href=\"https:\/\/www.dmsjuridica.com\/buscador_20179478954\/corteconstitucionalcronologico202454587\/t-189-04\/\" class=\"_self\" target=\"_self\" >T-189-04<\/a><\/h4>\n<div class=\"pt-cv-content\">\u00a0 \u00a0 Sentencia T-189\/04 \u00a0 DERECHO A LA SALUD-Pr\u00e1ctica de examen \u00a0 Referencia: expediente T-814268 \u00a0 Acci\u00f3n de tutela interpuesta por Mar\u00eda Sefora Escalante Montoya contra el Instituto de Seguros Sociales Seccional Medell\u00edn. \u00a0 Magistrado Ponente: \u00a0 Dr. JAIME ARAUJO RENTERIA \u00a0 Bogot\u00e1, D. C., cuatro (4) de marzo de dos mil cuatro (2004). \u00a0 La Sala Primera de Revisi\u00f3n de la Corte Constitucional, integrada por los Magistrados ALFREDO BELTRAN SIERRA, MANUEL JOSE CEPEDA ESPINOSA y JAIME ARAUJO RENTERIA, en ejercicio de sus competencias constitucionales y legales, ha proferido la siguiente \u00a0 SENTENCIA \u00a0 dentro del proceso de revisi\u00f3n del ...<br \/><div class=\"pt-cv-rmwrap\"><a href=\"https:\/\/www.dmsjuridica.com\/buscador_20179478954\/corteconstitucionalcronologico202454587\/t-189-04\/\" class=\"_self pt-cv-readmore btn btn-success\" target=\"_self\">Ver Sentencia Completa...<\/a><\/div><\/div><\/div><\/div>\n<div class=\"col-md-12 col-sm-12 col-xs-12 pt-cv-content-item pt-cv-1-col\" ><div class='pt-cv-ifield'><a href=\"https:\/\/www.dmsjuridica.com\/buscador_20179478954\/corteconstitucionalcronologico202454587\/t-188-04\/\" class=\"_self pt-cv-href-thumbnail pt-cv-thumb-default\" target=\"_self\" ><\/a>\n<div class=\"pt-cv-taxoterm above_title\"><a href='https:\/\/www.dmsjuridica.com\/buscador_20179478954\/corteconstitucionalcronologico202454587\/category\/buscar-en-toda-la-corte\/2004\/tutelas-2004\/' title='Tutelas 2004' class='pt-cv-tax-tutelas-2004'>Tutelas 2004<\/a><\/div>\n<h4 class=\"pt-cv-title\"><a href=\"https:\/\/www.dmsjuridica.com\/buscador_20179478954\/corteconstitucionalcronologico202454587\/t-188-04\/\" class=\"_self\" target=\"_self\" >T-188-04<\/a><\/h4>\n<div class=\"pt-cv-content\">\u00a0 \u00a0 Sentencia T-188\/04 \u00a0 ACCION DE TUTELA-Hecho superado por pago de acreencias laborales \u00a0 Reiteraci\u00f3n de Jurisprudencia \u00a0 Referencia: expediente T-811138 \u00a0 Acci\u00f3n de tutela instaurada por Fernando de Jes\u00fas Giraldo Londo\u00f1o contra el Hospital de Caldas \u00a0 Magistrado Ponente: \u00a0 Dr. JAIME ARA\u00daJO RENTER\u00cdA \u00a0 Bogot\u00e1, D. C., cuatro (4) marzo de dos mil cuatro (2004). \u00a0 La Sala Primera de Revisi\u00f3n de la Corte Constitucional, en ejercicio de sus competencias constitucionales y legales, en particular las contenidas en los art\u00edculos 86 y 241, numeral 9, de la Constituci\u00f3n y el Decreto 2591 de 1991, profiere la siguiente ...<br \/><div class=\"pt-cv-rmwrap\"><a href=\"https:\/\/www.dmsjuridica.com\/buscador_20179478954\/corteconstitucionalcronologico202454587\/t-188-04\/\" class=\"_self pt-cv-readmore btn btn-success\" target=\"_self\">Ver Sentencia Completa...<\/a><\/div><\/div><\/div><\/div>\n<div class=\"col-md-12 col-sm-12 col-xs-12 pt-cv-content-item pt-cv-1-col\" ><div class='pt-cv-ifield'><a href=\"https:\/\/www.dmsjuridica.com\/buscador_20179478954\/corteconstitucionalcronologico202454587\/t-187-04\/\" class=\"_self pt-cv-href-thumbnail pt-cv-thumb-default\" target=\"_self\" ><\/a>\n<div class=\"pt-cv-taxoterm above_title\"><a href='https:\/\/www.dmsjuridica.com\/buscador_20179478954\/corteconstitucionalcronologico202454587\/category\/buscar-en-toda-la-corte\/2004\/tutelas-2004\/' title='Tutelas 2004' class='pt-cv-tax-tutelas-2004'>Tutelas 2004<\/a><\/div>\n<h4 class=\"pt-cv-title\"><a href=\"https:\/\/www.dmsjuridica.com\/buscador_20179478954\/corteconstitucionalcronologico202454587\/t-187-04\/\" class=\"_self\" target=\"_self\" >T-187-04<\/a><\/h4>\n<div class=\"pt-cv-content\">\u00a0 \u00a0 Sentencia T-187\/04 \u00a0 DERECHO A LA SALUD-Suministro de medicamentos \u00a0 Reiteraci\u00f3n de Jurisprudencia \u00a0 Referencia: expediente T-812650 \u00a0 Acci\u00f3n de tutela incoada por Juan Manuel Gonz\u00e1lez Quinchia contra la E.P.S. Saludcoop Seccional Quind\u00edo.\u00a0 \u00a0 Magistrado Ponente: \u00a0 Dr. JAIME ARA\u00daJO RENTER\u00cdA \u00a0 Bogot\u00e1, D. C., cuatro (4) de marzo de dos mil cuatro (2004). \u00a0 La Sala Primera de Revisi\u00f3n de Tutelas de la Corte Constitucional, conformada por los Magistrados, JAIME ARA\u00daJO RENTER\u00cdA, ALFREDO BELTR\u00c1N SIERRA, y MANUEL JOS\u00c9 CEPEDA ESPINOSA, dicta la siguiente \u00a0 SENTENCIA \u00a0 I. ANTECEDENTES \u00a0 \u00a0 \u00a0 \u00a0 1. Hechos . \u00a0 \u00a0 ...<br \/><div class=\"pt-cv-rmwrap\"><a href=\"https:\/\/www.dmsjuridica.com\/buscador_20179478954\/corteconstitucionalcronologico202454587\/t-187-04\/\" class=\"_self pt-cv-readmore btn btn-success\" target=\"_self\">Ver Sentencia Completa...<\/a><\/div><\/div><\/div><\/div>\n<div class=\"col-md-12 col-sm-12 col-xs-12 pt-cv-content-item pt-cv-1-col\" ><div class='pt-cv-ifield'><a href=\"https:\/\/www.dmsjuridica.com\/buscador_20179478954\/corteconstitucionalcronologico202454587\/t-186-04\/\" class=\"_self pt-cv-href-thumbnail pt-cv-thumb-default\" target=\"_self\" ><\/a>\n<div class=\"pt-cv-taxoterm above_title\"><a href='https:\/\/www.dmsjuridica.com\/buscador_20179478954\/corteconstitucionalcronologico202454587\/category\/buscar-en-toda-la-corte\/2004\/tutelas-2004\/' title='Tutelas 2004' class='pt-cv-tax-tutelas-2004'>Tutelas 2004<\/a><\/div>\n<h4 class=\"pt-cv-title\"><a href=\"https:\/\/www.dmsjuridica.com\/buscador_20179478954\/corteconstitucionalcronologico202454587\/t-186-04\/\" class=\"_self\" target=\"_self\" >T-186-04<\/a><\/h4>\n<div class=\"pt-cv-content\">\u00a0 \u00a0 Sentencia T-186\/04 \u00a0 DERECHO A LA VIVIENDA DIGNA-Financiaci\u00f3n de vivienda a largo plazo \u00a0 ACTO PROPIO-Respeto\/ACTO PROPIO-Condiciones para su aplicaci\u00f3n \u00a0 OBLIGACION EXTINTA-Reliquidaci\u00f3n de cr\u00e9dito hipotecario\/OBLIGACION EXTINTA-Cancelaci\u00f3n de gravamen\/OBLIGACION EXTINTA-Expedici\u00f3n de paz y salvo por Granahorrar \u00a0 ENTIDAD BANCARIA-Abuso de posici\u00f3n dominante \u00a0 DEBIDO PROCESO-Vulneraci\u00f3n por Granahorrar por imputaci\u00f3n de una nueva deuda \u00a0 Referencia: expedientes T-807154 y T-807583 \u00a0 Acciones de tutela instauradas, separadamente, por Gladys Amanda del Carmen Z\u00e1rate y Jaime Rodr\u00edguez Carrillo contra el Banco Granahorrar.\u00a0 \u00a0 Magistrado Ponente: \u00a0 Dr. ALVARO TAFUR GALVIS \u00a0 Bogot\u00e1, D. C., cuatro (4) de marzo de dos mil ...<br \/><div class=\"pt-cv-rmwrap\"><a href=\"https:\/\/www.dmsjuridica.com\/buscador_20179478954\/corteconstitucionalcronologico202454587\/t-186-04\/\" class=\"_self pt-cv-readmore btn btn-success\" target=\"_self\">Ver Sentencia Completa...<\/a><\/div><\/div><\/div><\/div>\n<div class=\"col-md-12 col-sm-12 col-xs-12 pt-cv-content-item pt-cv-1-col\" ><div class='pt-cv-ifield'><a href=\"https:\/\/www.dmsjuridica.com\/buscador_20179478954\/corteconstitucionalcronologico202454587\/t-185-04\/\" class=\"_self pt-cv-href-thumbnail pt-cv-thumb-default\" target=\"_self\" ><\/a>\n<div class=\"pt-cv-taxoterm above_title\"><a href='https:\/\/www.dmsjuridica.com\/buscador_20179478954\/corteconstitucionalcronologico202454587\/category\/buscar-en-toda-la-corte\/2004\/tutelas-2004\/' title='Tutelas 2004' class='pt-cv-tax-tutelas-2004'>Tutelas 2004<\/a><\/div>\n<h4 class=\"pt-cv-title\"><a href=\"https:\/\/www.dmsjuridica.com\/buscador_20179478954\/corteconstitucionalcronologico202454587\/t-185-04\/\" class=\"_self\" target=\"_self\" >T-185-04<\/a><\/h4>\n<div class=\"pt-cv-content\">\u00a0 \u00a0 Sentencia T-185\/04 \u00a0 DERECHO A LA SALUD-Pr\u00e1ctica de examen\/DERECHO AL DIAGNOSTICO \u00a0 Referencia: expediente T-819627 \u00a0 Acci\u00f3n de tutela instaurada por Zoila In\u00e9s Pe\u00f1a de Mendivelso contra Salud Total S.A. EPS. \u00a0 Magistrado Ponente : \u00a0 Dr. ALFREDO BELTR\u00c1N SIERRA. \u00a0 Bogot\u00e1, D. C., cuatro (4) de marzo de dos mil cuatro (2004). \u00a0 La Sala Segunda de Revisi\u00f3n de la Corte Constitucional, en ejercicio de sus competencias constitucionales y legales, ha proferido la siguiente\u00a0 \u00a0 SENTENCIA\u00a0 \u00a0 en el proceso de revisi\u00f3n del fallo adoptado por el Juzgado Cuarto Civil del Circuito de Bogot\u00e1, de fecha 16 ...<br \/><div class=\"pt-cv-rmwrap\"><a href=\"https:\/\/www.dmsjuridica.com\/buscador_20179478954\/corteconstitucionalcronologico202454587\/t-185-04\/\" class=\"_self pt-cv-readmore btn btn-success\" target=\"_self\">Ver Sentencia Completa...<\/a><\/div><\/div><\/div><\/div>\n<div class=\"col-md-12 col-sm-12 col-xs-12 pt-cv-content-item pt-cv-1-col\" ><div class='pt-cv-ifield'><a href=\"https:\/\/www.dmsjuridica.com\/buscador_20179478954\/corteconstitucionalcronologico202454587\/t-184-04\/\" class=\"_self pt-cv-href-thumbnail pt-cv-thumb-default\" target=\"_self\" ><\/a>\n<div class=\"pt-cv-taxoterm above_title\"><a href='https:\/\/www.dmsjuridica.com\/buscador_20179478954\/corteconstitucionalcronologico202454587\/category\/buscar-en-toda-la-corte\/2004\/tutelas-2004\/' title='Tutelas 2004' class='pt-cv-tax-tutelas-2004'>Tutelas 2004<\/a><\/div>\n<h4 class=\"pt-cv-title\"><a href=\"https:\/\/www.dmsjuridica.com\/buscador_20179478954\/corteconstitucionalcronologico202454587\/t-184-04\/\" class=\"_self\" target=\"_self\" >T-184-04<\/a><\/h4>\n<div class=\"pt-cv-content\">\u00a0 \u00a0 Sentencia T-184\/04 \u00a0 VIA DE HECHO-Defecto sustantivo por cuanto a la norma aplicada se le reconocieron efectos distintos a los se\u00f1alados por el legislador \u00a0 Esta Corporaci\u00f3n en su jurisprudencia ha establecido que la existencia excepcional de una v\u00eda de hecho por defecto sustantivo, se presenta cuando la decisi\u00f3n adoptada por el fallador se funda en una norma claramente inaplicable al caso concreto, bien porque i) haya sido derogada y no produzca efectos en el ordenamiento jur\u00eddico; ii) porque resulte claramente inconstitucional y ante ello no se aplic\u00f3 la excepci\u00f3n de inconstitucionalidad; iii) porque la aplicaci\u00f3n al caso ...<br \/><div class=\"pt-cv-rmwrap\"><a href=\"https:\/\/www.dmsjuridica.com\/buscador_20179478954\/corteconstitucionalcronologico202454587\/t-184-04\/\" class=\"_self pt-cv-readmore btn btn-success\" target=\"_self\">Ver Sentencia Completa...<\/a><\/div><\/div><\/div><\/div>\n<div class=\"col-md-12 col-sm-12 col-xs-12 pt-cv-content-item pt-cv-1-col\" ><div class='pt-cv-ifield'><a href=\"https:\/\/www.dmsjuridica.com\/buscador_20179478954\/corteconstitucionalcronologico202454587\/t-183-04\/\" class=\"_self pt-cv-href-thumbnail pt-cv-thumb-default\" target=\"_self\" ><\/a>\n<div class=\"pt-cv-taxoterm above_title\"><a href='https:\/\/www.dmsjuridica.com\/buscador_20179478954\/corteconstitucionalcronologico202454587\/category\/buscar-en-toda-la-corte\/2004\/tutelas-2004\/' title='Tutelas 2004' class='pt-cv-tax-tutelas-2004'>Tutelas 2004<\/a><\/div>\n<h4 class=\"pt-cv-title\"><a href=\"https:\/\/www.dmsjuridica.com\/buscador_20179478954\/corteconstitucionalcronologico202454587\/t-183-04\/\" class=\"_self\" target=\"_self\" >T-183-04<\/a><\/h4>\n<div class=\"pt-cv-content\">\u00a0 \u00a0 Sentencia T-183\/04 \u00a0 RECURSO DE APELACION EN PROCESO PENAL-Sustentaci\u00f3n por escrito no la hizo el defensor de oficio\/VIA DE HECHO EN PROCESO PENAL-Defecto procedimental \u00a0 En el caso objeto de revisi\u00f3n, vemos que quien alega la v\u00eda de hecho es un condenado, que considera que su defensa no fue eficiente, pues a pesar de que manifest\u00f3 el deseo de apelar el fallo condenatorio, su abogado no sustent\u00f3 el recurso, siendo declarado desierto por el funcionario encargado. La negligencia o descuido del profesional en derecho, no tiene porqu\u00e9 soportarla quien est\u00e1 siendo procesado, m\u00e1s a\u00fan cuando \u00e9ste dentro del ...<br \/><div class=\"pt-cv-rmwrap\"><a href=\"https:\/\/www.dmsjuridica.com\/buscador_20179478954\/corteconstitucionalcronologico202454587\/t-183-04\/\" class=\"_self pt-cv-readmore btn btn-success\" target=\"_self\">Ver Sentencia Completa...<\/a><\/div><\/div><\/div><\/div>\n<div class=\"col-md-12 col-sm-12 col-xs-12 pt-cv-content-item pt-cv-1-col\" ><div class='pt-cv-ifield'><a href=\"https:\/\/www.dmsjuridica.com\/buscador_20179478954\/corteconstitucionalcronologico202454587\/t-182-04\/\" class=\"_self pt-cv-href-thumbnail pt-cv-thumb-default\" target=\"_self\" ><\/a>\n<div class=\"pt-cv-taxoterm above_title\"><a href='https:\/\/www.dmsjuridica.com\/buscador_20179478954\/corteconstitucionalcronologico202454587\/category\/buscar-en-toda-la-corte\/2004\/tutelas-2004\/' title='Tutelas 2004' class='pt-cv-tax-tutelas-2004'>Tutelas 2004<\/a><\/div>\n<h4 class=\"pt-cv-title\"><a href=\"https:\/\/www.dmsjuridica.com\/buscador_20179478954\/corteconstitucionalcronologico202454587\/t-182-04\/\" class=\"_self\" target=\"_self\" >T-182-04<\/a><\/h4>\n<div class=\"pt-cv-content\">\u00a0 \u00a0 Sentencia T-182\/04 \u00a0 DERECHO DE PETICION EN MATERIA PENSIONAL-T\u00e9rminos \u00a0 Las entidades que hacen parte del Sistema General de Pensiones, ya sean p\u00fablicas o privadas, cuentan con un t\u00e9rmino de seis (6) meses para hacer efectivo el derecho solicitado, el cual se concreta en el pago de la pensi\u00f3n respectiva. El mencionado t\u00e9rmino se distribuye as\u00ed: quince (15) d\u00edas para atender preliminarmente la petici\u00f3n y hacer las indicaciones que fueren pertinentes al solicitante; cuatro (4) meses para resolver la solicitud de reconocimiento de la pensi\u00f3n en concreto, de tal manera que se comience a pagar la pensi\u00f3n correspondiente ...<br \/><div class=\"pt-cv-rmwrap\"><a href=\"https:\/\/www.dmsjuridica.com\/buscador_20179478954\/corteconstitucionalcronologico202454587\/t-182-04\/\" class=\"_self pt-cv-readmore btn btn-success\" target=\"_self\">Ver Sentencia Completa...<\/a><\/div><\/div><\/div><\/div>\n<div class=\"col-md-12 col-sm-12 col-xs-12 pt-cv-content-item pt-cv-1-col\" ><div class='pt-cv-ifield'><a href=\"https:\/\/www.dmsjuridica.com\/buscador_20179478954\/corteconstitucionalcronologico202454587\/t-181-04\/\" class=\"_self pt-cv-href-thumbnail pt-cv-thumb-default\" target=\"_self\" ><\/a>\n<div class=\"pt-cv-taxoterm above_title\"><a href='https:\/\/www.dmsjuridica.com\/buscador_20179478954\/corteconstitucionalcronologico202454587\/category\/buscar-en-toda-la-corte\/2004\/tutelas-2004\/' title='Tutelas 2004' class='pt-cv-tax-tutelas-2004'>Tutelas 2004<\/a><\/div>\n<h4 class=\"pt-cv-title\"><a href=\"https:\/\/www.dmsjuridica.com\/buscador_20179478954\/corteconstitucionalcronologico202454587\/t-181-04\/\" class=\"_self\" target=\"_self\" >T-181-04<\/a><\/h4>\n<div class=\"pt-cv-content\">\u00a0 \u00a0 Sentencia T-181\/04 \u00a0 ACCION DE TUTELA CONTRA EMPRESA DE MEDICINA PREPAGADA-Procedencia \u00a0 CONTRATO DE MEDICINA PREPAGADA-Exclusi\u00f3n expresa de enfermedades, medicamentos, procedimientos y tratamientos m\u00e9dicos \u00a0 Teniendo en cuenta que las partes deben sujetarse con rigor a las prestaciones y obligaciones que se encuentren consagradas a lo largo del documento contractual y los anexos que lo complementen o modifiquen, es claro concluir que cualquier enfermedad o procedimiento m\u00e9dico que no se encuentre expresamente excluido de las coberturas del contrato, deber\u00e1 ser asumido \u00edntegramente por la entidad de medicina prepagada. En \u00e9ste punto es del caso recordar, que las entidades ...<br \/><div class=\"pt-cv-rmwrap\"><a href=\"https:\/\/www.dmsjuridica.com\/buscador_20179478954\/corteconstitucionalcronologico202454587\/t-181-04\/\" class=\"_self pt-cv-readmore btn btn-success\" target=\"_self\">Ver Sentencia Completa...<\/a><\/div><\/div><\/div><\/div>\n<div class=\"col-md-12 col-sm-12 col-xs-12 pt-cv-content-item pt-cv-1-col\" ><div class='pt-cv-ifield'><a href=\"https:\/\/www.dmsjuridica.com\/buscador_20179478954\/corteconstitucionalcronologico202454587\/t-180-04\/\" class=\"_self pt-cv-href-thumbnail pt-cv-thumb-default\" target=\"_self\" ><\/a>\n<div class=\"pt-cv-taxoterm above_title\"><a href='https:\/\/www.dmsjuridica.com\/buscador_20179478954\/corteconstitucionalcronologico202454587\/category\/buscar-en-toda-la-corte\/2004\/tutelas-2004\/' title='Tutelas 2004' class='pt-cv-tax-tutelas-2004'>Tutelas 2004<\/a><\/div>\n<h4 class=\"pt-cv-title\"><a href=\"https:\/\/www.dmsjuridica.com\/buscador_20179478954\/corteconstitucionalcronologico202454587\/t-180-04\/\" class=\"_self\" target=\"_self\" >T-180-04<\/a><\/h4>\n<div class=\"pt-cv-content\">\u00a0 \u00a0 Sentencia T-180\/04 \u00a0 DERECHO A LA SALUD-Procedimiento quir\u00fargico prescrito por dermat\u00f3loga \u00a0 PLAN OBLIGATORIO DE SALUD-Exclusi\u00f3n de procedimiento quir\u00fargico \u00a0 Reiteraci\u00f3n de Jurisprudencia \u00a0 Referencia: expediente T-804845 \u00a0 Acci\u00f3n de tutela instaurada por Sandra Milena Gaviria Osorio contra Saludcoop EPS.\u00a0 \u00a0 Magistrado Ponente: \u00a0 Dr. JAIME C\u00d3RDOBA TRIVI\u00d1O \u00a0 Bogot\u00e1 D. C., tres (3) de marzo de dos mil cuatro (2004). \u00a0 La Sala Cuarta de Revisi\u00f3n de la Corte Constitucional, en ejercicio de sus competencias constitucionales y legales, espec\u00edficamente las previstas en los art\u00edculos 86 y 241 numeral 9 de la Constituci\u00f3n Pol\u00edtica y en el Decreto ...<br \/><div class=\"pt-cv-rmwrap\"><a href=\"https:\/\/www.dmsjuridica.com\/buscador_20179478954\/corteconstitucionalcronologico202454587\/t-180-04\/\" class=\"_self pt-cv-readmore btn btn-success\" target=\"_self\">Ver Sentencia Completa...<\/a><\/div><\/div><\/div><\/div>\n<div class=\"col-md-12 col-sm-12 col-xs-12 pt-cv-content-item pt-cv-1-col\" ><div class='pt-cv-ifield'><a href=\"https:\/\/www.dmsjuridica.com\/buscador_20179478954\/corteconstitucionalcronologico202454587\/t-179-04\/\" class=\"_self pt-cv-href-thumbnail pt-cv-thumb-default\" target=\"_self\" ><\/a>\n<div class=\"pt-cv-taxoterm above_title\"><a href='https:\/\/www.dmsjuridica.com\/buscador_20179478954\/corteconstitucionalcronologico202454587\/category\/buscar-en-toda-la-corte\/2004\/tutelas-2004\/' title='Tutelas 2004' class='pt-cv-tax-tutelas-2004'>Tutelas 2004<\/a><\/div>\n<h4 class=\"pt-cv-title\"><a href=\"https:\/\/www.dmsjuridica.com\/buscador_20179478954\/corteconstitucionalcronologico202454587\/t-179-04\/\" class=\"_self\" target=\"_self\" >T-179-04<\/a><\/h4>\n<div class=\"pt-cv-content\">\u00a0 \u00a0 Sentencia T-179\/04 \u00a0 ACCION DE TUTELA-Inmediatez en caso de reliquidaci\u00f3n de cr\u00e9dito \u00a0 El accionante deja transcurrir m\u00e1s de 3 a\u00f1os para acudir en acci\u00f3n de tutela e invocar la protecci\u00f3n inmediata de su derecho al debido proceso. Adem\u00e1s, no hay prueba que el peticionario haya acudido ante los jueces ordinarios para someter a su conocimiento el conflicto jur\u00eddico. En el expediente tampoco se evidencia una justa causa que explique los motivos por los cuales el actor no acudi\u00f3 a la acci\u00f3n de tutela de manera oportuna, dentro de un t\u00e9rmino razonable, prudencial y adecuado, ni se infiere ...<br \/><div class=\"pt-cv-rmwrap\"><a href=\"https:\/\/www.dmsjuridica.com\/buscador_20179478954\/corteconstitucionalcronologico202454587\/t-179-04\/\" class=\"_self pt-cv-readmore btn btn-success\" target=\"_self\">Ver Sentencia Completa...<\/a><\/div><\/div><\/div><\/div>\n<div class=\"col-md-12 col-sm-12 col-xs-12 pt-cv-content-item pt-cv-1-col\" ><div class='pt-cv-ifield'><a href=\"https:\/\/www.dmsjuridica.com\/buscador_20179478954\/corteconstitucionalcronologico202454587\/t-178-04\/\" class=\"_self pt-cv-href-thumbnail pt-cv-thumb-default\" target=\"_self\" ><\/a>\n<div class=\"pt-cv-taxoterm above_title\"><a href='https:\/\/www.dmsjuridica.com\/buscador_20179478954\/corteconstitucionalcronologico202454587\/category\/buscar-en-toda-la-corte\/2004\/tutelas-2004\/' title='Tutelas 2004' class='pt-cv-tax-tutelas-2004'>Tutelas 2004<\/a><\/div>\n<h4 class=\"pt-cv-title\"><a href=\"https:\/\/www.dmsjuridica.com\/buscador_20179478954\/corteconstitucionalcronologico202454587\/t-178-04\/\" class=\"_self\" target=\"_self\" >T-178-04<\/a><\/h4>\n<div class=\"pt-cv-content\">\u00a0 \u00a0 Sentencia T-178\/04 \u00a0 COMISION DE REGULACION DE TELECOMUNICACIONES-Entidad administrativa que no puede asumir el conocimiento de controversias contractuales \u00a0 ACTO ADMINISTRATIVO-Cuestionable ante la jurisdicci\u00f3n contencioso administrativa\/ACCION DE TUTELA-Improcedencia para cuestionar actos administrativos \u00a0 PERJUICIO IRREMEDIABLE-Inexistencia \u00a0 Referencia: expedientes acumulados T-773691, 784949, T-786289, T-786293 y T-786298 \u00a0 Acciones de tutela interpuestas por TELEARMENIA, EMTELSA, ETELL, ETB y EPM BOGOT\u00c1 contra la Comisi\u00f3n Reguladora de Telecomunicaciones, CRT. \u00a0 Magistrado Ponente: \u00a0 Dr. JAIME C\u00d3RDOBA TRIVI\u00d1O \u00a0 Bogot\u00e1, D. C., tres (3) de marzo de dos mil cuatro (2004). \u00a0 La Sala Cuarta de Revisi\u00f3n de la Corte Constitucional, en ejercicio ...<br \/><div class=\"pt-cv-rmwrap\"><a href=\"https:\/\/www.dmsjuridica.com\/buscador_20179478954\/corteconstitucionalcronologico202454587\/t-178-04\/\" class=\"_self pt-cv-readmore btn btn-success\" target=\"_self\">Ver Sentencia Completa...<\/a><\/div><\/div><\/div><\/div>\n<div class=\"col-md-12 col-sm-12 col-xs-12 pt-cv-content-item pt-cv-1-col\" ><div class='pt-cv-ifield'><a href=\"https:\/\/www.dmsjuridica.com\/buscador_20179478954\/corteconstitucionalcronologico202454587\/t-168-04\/\" class=\"_self pt-cv-href-thumbnail pt-cv-thumb-default\" target=\"_self\" ><\/a>\n<div class=\"pt-cv-taxoterm above_title\"><a href='https:\/\/www.dmsjuridica.com\/buscador_20179478954\/corteconstitucionalcronologico202454587\/category\/buscar-en-toda-la-corte\/2004\/tutelas-2004\/' title='Tutelas 2004' class='pt-cv-tax-tutelas-2004'>Tutelas 2004<\/a><\/div>\n<h4 class=\"pt-cv-title\"><a href=\"https:\/\/www.dmsjuridica.com\/buscador_20179478954\/corteconstitucionalcronologico202454587\/t-168-04\/\" class=\"_self\" target=\"_self\" >T-168-04<\/a><\/h4>\n<div class=\"pt-cv-content\">\u00a0 \u00a0 Sentencia T-168\/04 \u00a0 ACCION DE TUTELA CONTRA PARTICULARES-Subordinaci\u00f3n e indefensi\u00f3n \u00a0 DERECHO DE ASOCIACION SINDICAL-Alcance\/LIBERTAD DE ASOCIACION SINDICAL-Alcance \u00a0 AUTONOMIA DE LA VOLUNTAD-Se limita cuando el trabajador traslada a su sindicato competencia para modificar las condiciones laborales \u00a0 Cuando el trabajador le traslada a su sindicato la competencia para modificar las condiciones laborales a trav\u00e9s de los mecanismos establecidos en el C\u00f3digo Sustantivo del Trabajo o disposiciones pertinentes, la autonom\u00eda de la voluntad queda limitada. En la relaci\u00f3n jur\u00eddica laboral no impera indiscriminadamente la autonom\u00eda de la voluntad de las partes, sino que, en desarrollo de la especial ...<br \/><div class=\"pt-cv-rmwrap\"><a href=\"https:\/\/www.dmsjuridica.com\/buscador_20179478954\/corteconstitucionalcronologico202454587\/t-168-04\/\" class=\"_self pt-cv-readmore btn btn-success\" target=\"_self\">Ver Sentencia Completa...<\/a><\/div><\/div><\/div><\/div>\n<div class=\"col-md-12 col-sm-12 col-xs-12 pt-cv-content-item pt-cv-1-col\" ><div class='pt-cv-ifield'><a href=\"https:\/\/www.dmsjuridica.com\/buscador_20179478954\/corteconstitucionalcronologico202454587\/t-167-04\/\" class=\"_self pt-cv-href-thumbnail pt-cv-thumb-default\" target=\"_self\" ><\/a>\n<div class=\"pt-cv-taxoterm above_title\"><a href='https:\/\/www.dmsjuridica.com\/buscador_20179478954\/corteconstitucionalcronologico202454587\/category\/buscar-en-toda-la-corte\/2004\/tutelas-2004\/' title='Tutelas 2004' class='pt-cv-tax-tutelas-2004'>Tutelas 2004<\/a><\/div>\n<h4 class=\"pt-cv-title\"><a href=\"https:\/\/www.dmsjuridica.com\/buscador_20179478954\/corteconstitucionalcronologico202454587\/t-167-04\/\" class=\"_self\" target=\"_self\" >T-167-04<\/a><\/h4>\n<div class=\"pt-cv-content\">\u00a0 \u00a0 Sentencia T-167\/04 \u00a0 ACCION DE TUTELA-Procedencia excepcional reconocimiento y pago de pensiones\/DERECHO AL MINIMO VITAL DEL ADULTO MAYOR-Procedencia de tutela para reconocimiento y pago de pensiones \u00a0 ACCION DE TUTELA-Casos en que no procede para reconocimiento y pago de pensiones \u00a0 No significa lo anterior que la tutela devenga en el medio adecuado para ventilar problemas relacionados con prestaciones pensionales. Cuando la relaci\u00f3n directa entre la presunta vulneraci\u00f3n del derecho prestacional y la grave afectaci\u00f3n del derecho fundamental no est\u00e1 probada, es la v\u00eda ordinaria la m\u00e1s adecuada para plantear este tipo de controversias. No procede, entonces, la ...<br \/><div class=\"pt-cv-rmwrap\"><a href=\"https:\/\/www.dmsjuridica.com\/buscador_20179478954\/corteconstitucionalcronologico202454587\/t-167-04\/\" class=\"_self pt-cv-readmore btn btn-success\" target=\"_self\">Ver Sentencia Completa...<\/a><\/div><\/div><\/div><\/div>\n<div class=\"col-md-12 col-sm-12 col-xs-12 pt-cv-content-item pt-cv-1-col\" ><div class='pt-cv-ifield'><a href=\"https:\/\/www.dmsjuridica.com\/buscador_20179478954\/corteconstitucionalcronologico202454587\/t-166-04\/\" class=\"_self pt-cv-href-thumbnail pt-cv-thumb-default\" target=\"_self\" ><\/a>\n<div class=\"pt-cv-taxoterm above_title\"><a href='https:\/\/www.dmsjuridica.com\/buscador_20179478954\/corteconstitucionalcronologico202454587\/category\/buscar-en-toda-la-corte\/2004\/tutelas-2004\/' title='Tutelas 2004' class='pt-cv-tax-tutelas-2004'>Tutelas 2004<\/a><\/div>\n<h4 class=\"pt-cv-title\"><a href=\"https:\/\/www.dmsjuridica.com\/buscador_20179478954\/corteconstitucionalcronologico202454587\/t-166-04\/\" class=\"_self\" target=\"_self\" >T-166-04<\/a><\/h4>\n<div class=\"pt-cv-content\">\u00a0 \u00a0 Sentencia T-166\/04 \u00a0 DERECHO DE PETICION-Alcance\/DERECHO DE PETICION-N\u00facleo esencial \u00a0 DERECHO DE PETICION EN MATERIA PENSIONAL-T\u00e9rminos para resolver \u00a0 DERECHO DE PETICION PARA RESOLVER SOBRE RECONOCIMIENTO Y PAGO DE PENSIONES-T\u00e9rmino de cuatro meses \u00a0 DERECHO DE PETICION PARA RESOLVER PENSION DE SOBREVIVIENTES-T\u00e9rmino de dos meses \u00a0 DERECHO DE PETICION PARA RESOLVER RELIQUIDACION DE PENSIONES-T\u00e9rmino de quince d\u00edas \u00a0 Referencia: expedientes T-801357, T-802189, T-836416, T-836418 y T-836420. \u00a0 Acci\u00f3n de tutela instaurada contra el Seguro Social Seccionales Valle del Cauca, Tolima, Atl\u00e1ntico. \u00a0 Magistrado Ponente \u00a0 Dr. EDUARDO MONTEALEGRE LYNETT. \u00a0 Bogot\u00e1 D. C., veintis\u00e9is (26) de febrero de ...<br \/><div class=\"pt-cv-rmwrap\"><a href=\"https:\/\/www.dmsjuridica.com\/buscador_20179478954\/corteconstitucionalcronologico202454587\/t-166-04\/\" class=\"_self pt-cv-readmore btn btn-success\" target=\"_self\">Ver Sentencia Completa...<\/a><\/div><\/div><\/div><\/div>\n<div class=\"col-md-12 col-sm-12 col-xs-12 pt-cv-content-item pt-cv-1-col\" ><div class='pt-cv-ifield'><a href=\"https:\/\/www.dmsjuridica.com\/buscador_20179478954\/corteconstitucionalcronologico202454587\/t-165-04\/\" class=\"_self pt-cv-href-thumbnail pt-cv-thumb-default\" target=\"_self\" ><\/a>\n<div class=\"pt-cv-taxoterm above_title\"><a href='https:\/\/www.dmsjuridica.com\/buscador_20179478954\/corteconstitucionalcronologico202454587\/category\/buscar-en-toda-la-corte\/2004\/tutelas-2004\/' title='Tutelas 2004' class='pt-cv-tax-tutelas-2004'>Tutelas 2004<\/a><\/div>\n<h4 class=\"pt-cv-title\"><a href=\"https:\/\/www.dmsjuridica.com\/buscador_20179478954\/corteconstitucionalcronologico202454587\/t-165-04\/\" class=\"_self\" target=\"_self\" >T-165-04<\/a><\/h4>\n<div class=\"pt-cv-content\">\u00a0 \u00a0 Sentencia T-165\/04 \u00a0 DERECHOS FUNDAMENTALES DEL NI\u00d1O-Prevalencia \u00a0 DERECHO A TENER UNA FAMILIA Y NO SER SEPARADO DE ELLA-Alcance\/DERECHO AL CUIDADO Y AL AMOR-Unidad familiar \u00a0 UNIDAD FAMILIAR-Conservaci\u00f3n \u00a0 ACTO ADMINISTRATIVO-Motivaci\u00f3n \u00a0 ACTO ADMINISTRATIVO DE TRASLADO-L\u00edmites al poder discrecional \u00a0 IUS VARIANDI-Alcance y l\u00edmites\/IUS VARIANDI-Discrecionalidad limitada a la administraci\u00f3n para modificar sitio de trabajo \u00a0 ACCION DE TUTELA TRANSITORIA-Existencia de perjuicio irremediable \u00a0 PERJUICIO IRREMEDIABLE-Caracter\u00edsticas \u00a0 ACCION DE TUTELA-Traslado arbitrario del trabajador afecta la unidad familiar \u00a0 Prospera la tutela \u00a0\u201ccuando la decisi\u00f3n de trasladar al trabajador es intempestiva y arbitraria y tiene como consecuencia necesaria la ruptura ...<br \/><div class=\"pt-cv-rmwrap\"><a href=\"https:\/\/www.dmsjuridica.com\/buscador_20179478954\/corteconstitucionalcronologico202454587\/t-165-04\/\" class=\"_self pt-cv-readmore btn btn-success\" target=\"_self\">Ver Sentencia Completa...<\/a><\/div><\/div><\/div><\/div>\n<div class=\"col-md-12 col-sm-12 col-xs-12 pt-cv-content-item pt-cv-1-col\" ><div class='pt-cv-ifield'><a href=\"https:\/\/www.dmsjuridica.com\/buscador_20179478954\/corteconstitucionalcronologico202454587\/t-163-04\/\" class=\"_self pt-cv-href-thumbnail pt-cv-thumb-default\" target=\"_self\" ><\/a>\n<div class=\"pt-cv-taxoterm above_title\"><a href='https:\/\/www.dmsjuridica.com\/buscador_20179478954\/corteconstitucionalcronologico202454587\/category\/buscar-en-toda-la-corte\/2004\/tutelas-2004\/' title='Tutelas 2004' class='pt-cv-tax-tutelas-2004'>Tutelas 2004<\/a><\/div>\n<h4 class=\"pt-cv-title\"><a href=\"https:\/\/www.dmsjuridica.com\/buscador_20179478954\/corteconstitucionalcronologico202454587\/t-163-04\/\" class=\"_self\" target=\"_self\" >T-163-04<\/a><\/h4>\n<div class=\"pt-cv-content\">\u00a0 \u00a0 Sentencia T-163\/04 \u00a0 ACCION DE TUTELA-Improcedencia reliquidaci\u00f3n de mesada pensional\/MEDIO DE DEFENSA JUDICIAL-Reliquidaci\u00f3n mesada pensional \u00a0 PENSION DE JUBILACION-Solicitud a la Universidad para que la reliquide y la indexe\/JURISDICCION CONTENCIOSO ADMINISTRATIVA-Solicitud de reliquidaci\u00f3n e indexaci\u00f3n una vez agotada la v\u00eda gubernativa \u00a0 El actor puede solicitar nuevamente a la universidad demandada que liquide su pensi\u00f3n de jubilaci\u00f3n teniendo en cuenta el salario devengado por \u00e9l en el \u00faltimo a\u00f1o de servicios debidamente indexado. Y puede, una vez agotada la v\u00eda gubernativa, acudir a la jurisdicci\u00f3n de lo contencioso administrativo en sede de nulidad y restablecimiento del derecho; una ...<br \/><div class=\"pt-cv-rmwrap\"><a href=\"https:\/\/www.dmsjuridica.com\/buscador_20179478954\/corteconstitucionalcronologico202454587\/t-163-04\/\" class=\"_self pt-cv-readmore btn btn-success\" target=\"_self\">Ver Sentencia Completa...<\/a><\/div><\/div><\/div><\/div>\n<div class=\"col-md-12 col-sm-12 col-xs-12 pt-cv-content-item pt-cv-1-col\" ><div class='pt-cv-ifield'><a href=\"https:\/\/www.dmsjuridica.com\/buscador_20179478954\/corteconstitucionalcronologico202454587\/t-162-04\/\" class=\"_self pt-cv-href-thumbnail pt-cv-thumb-default\" target=\"_self\" ><\/a>\n<div class=\"pt-cv-taxoterm above_title\"><a href='https:\/\/www.dmsjuridica.com\/buscador_20179478954\/corteconstitucionalcronologico202454587\/category\/buscar-en-toda-la-corte\/2004\/tutelas-2004\/' title='Tutelas 2004' class='pt-cv-tax-tutelas-2004'>Tutelas 2004<\/a><\/div>\n<h4 class=\"pt-cv-title\"><a href=\"https:\/\/www.dmsjuridica.com\/buscador_20179478954\/corteconstitucionalcronologico202454587\/t-162-04\/\" class=\"_self\" target=\"_self\" >T-162-04<\/a><\/h4>\n<div class=\"pt-cv-content\">\u00a0 \u00a0 Sentencia T-162\/04 \u00a0 ACCION DE TUTELA CONTRA PARTICULARES-Indefensi\u00f3n \u00a0 ACCION DE TUTELA-Procedencia excepcional pago de acreencias laborales\/DERECHO AL MINIMO VITAL DEL TRABAJADOR-Pago oportuno de salarios \u00a0 MINIMO VITAL-Definici\u00f3n \u00a0 SUSPENSION DE CONTRATO DE TRABAJO-Causales taxativas \u00a0 SUSPENSION DE CONTRATO DE TRABAJO-Efectos jur\u00eddicos \u00a0 La ley establece los efectos producto de esa suspensi\u00f3n, en ese sentido se debe entender entonces que una vez ocurrida la suspensi\u00f3n de los contratos de trabajo cesan de forma temporal algunas de las obligaciones a cargo de las partes en la relaci\u00f3n laboral, esto es, empleador y trabajador. \u00a0As\u00ed pues, el trabajador deja de ...<br \/><div class=\"pt-cv-rmwrap\"><a href=\"https:\/\/www.dmsjuridica.com\/buscador_20179478954\/corteconstitucionalcronologico202454587\/t-162-04\/\" class=\"_self pt-cv-readmore btn btn-success\" target=\"_self\">Ver Sentencia Completa...<\/a><\/div><\/div><\/div><\/div>\n<div class=\"col-md-12 col-sm-12 col-xs-12 pt-cv-content-item pt-cv-1-col\" ><div class='pt-cv-ifield'><a href=\"https:\/\/www.dmsjuridica.com\/buscador_20179478954\/corteconstitucionalcronologico202454587\/t-161-04\/\" class=\"_self pt-cv-href-thumbnail pt-cv-thumb-default\" target=\"_self\" ><\/a>\n<div class=\"pt-cv-taxoterm above_title\"><a href='https:\/\/www.dmsjuridica.com\/buscador_20179478954\/corteconstitucionalcronologico202454587\/category\/buscar-en-toda-la-corte\/2004\/tutelas-2004\/' title='Tutelas 2004' class='pt-cv-tax-tutelas-2004'>Tutelas 2004<\/a><\/div>\n<h4 class=\"pt-cv-title\"><a href=\"https:\/\/www.dmsjuridica.com\/buscador_20179478954\/corteconstitucionalcronologico202454587\/t-161-04\/\" class=\"_self\" target=\"_self\" >T-161-04<\/a><\/h4>\n<div class=\"pt-cv-content\">\u00a0 \u00a0 Sentencia T-161\/04 \u00a0 CONVENCION DE LOS DERECHOS DEL NI\u00d1O-Alcance \u00a0 DERECHOS DEL NI\u00d1O-Protecci\u00f3n constitucional respecto al suministro de alimentos \u00a0 OBLIGACION ALIMENTARIA-Cumplimiento para reclamar derechos respecto a menores\/OBLIGACION ALIMENTARIA-El padre que se sustrae de su cumplimiento no puede ser o\u00eddo sobre sus derechos con el menor \u00a0 DERECHOS FUNDAMENTALES DEL NI\u00d1O-Prevalencia\/OBLIGACION ALIMENTARIA-El padre no puede sustraerse de su deber con la excusa de que el menor rehusa su acercamiento \u00a0 El se\u00f1or demandado no pod\u00eda dejar de proporcionar alimentos al menor argumentando que \u00e9ste rehusa todo acercamiento, porque los derechos de los ni\u00f1os prevalecen sobre los derechos de ...<br \/><div class=\"pt-cv-rmwrap\"><a href=\"https:\/\/www.dmsjuridica.com\/buscador_20179478954\/corteconstitucionalcronologico202454587\/t-161-04\/\" class=\"_self pt-cv-readmore btn btn-success\" target=\"_self\">Ver Sentencia Completa...<\/a><\/div><\/div><\/div><\/div>\n<div class=\"col-md-12 col-sm-12 col-xs-12 pt-cv-content-item pt-cv-1-col\" ><div class='pt-cv-ifield'><a href=\"https:\/\/www.dmsjuridica.com\/buscador_20179478954\/corteconstitucionalcronologico202454587\/t-160-04\/\" class=\"_self pt-cv-href-thumbnail pt-cv-thumb-default\" target=\"_self\" ><\/a>\n<div class=\"pt-cv-taxoterm above_title\"><a href='https:\/\/www.dmsjuridica.com\/buscador_20179478954\/corteconstitucionalcronologico202454587\/category\/buscar-en-toda-la-corte\/2004\/tutelas-2004\/' title='Tutelas 2004' class='pt-cv-tax-tutelas-2004'>Tutelas 2004<\/a><\/div>\n<h4 class=\"pt-cv-title\"><a href=\"https:\/\/www.dmsjuridica.com\/buscador_20179478954\/corteconstitucionalcronologico202454587\/t-160-04\/\" class=\"_self\" target=\"_self\" >T-160-04<\/a><\/h4>\n<div class=\"pt-cv-content\">\u00a0 \u00a0 Sentencia T-160\/04 \u00a0 PRESUNCION DE VERACIDAD-Demandado no rinde informe solicitado por el juez \u00a0 BONOS PENSIONALES-Procedencia de tutela para reclamar la remisi\u00f3n \u00a0 VIA DE HECHO-Se niega pensi\u00f3n por demora en emisi\u00f3n del bono pensional \u00a0 BONOS PENSIONALES-Demora en emisi\u00f3n afecta derechos fundamentales \u00a0 ACCION DE TUTELA TEMERARIA-Inexistencia cuando el objeto es diferente aunque las partes sean las mismas \u00a0 TRAMITES EN MATERIA PENSIONAL-No pueden sobrepasar los seis meses \u00a0 La sumatoria de todos los tr\u00e1mites, desde la solicitud de pensi\u00f3n hasta la resoluci\u00f3n de otorgamiento, no puede sobrepasar los seis meses. \u00a0 EMISION DEL BONO PENSIONAL-Etapas administrativas ...<br \/><div class=\"pt-cv-rmwrap\"><a href=\"https:\/\/www.dmsjuridica.com\/buscador_20179478954\/corteconstitucionalcronologico202454587\/t-160-04\/\" class=\"_self pt-cv-readmore btn btn-success\" target=\"_self\">Ver Sentencia Completa...<\/a><\/div><\/div><\/div><\/div>\n<div class=\"col-md-12 col-sm-12 col-xs-12 pt-cv-content-item pt-cv-1-col\" ><div class='pt-cv-ifield'><a href=\"https:\/\/www.dmsjuridica.com\/buscador_20179478954\/corteconstitucionalcronologico202454587\/t-149-04\/\" class=\"_self pt-cv-href-thumbnail pt-cv-thumb-default\" target=\"_self\" ><\/a>\n<div class=\"pt-cv-taxoterm above_title\"><a href='https:\/\/www.dmsjuridica.com\/buscador_20179478954\/corteconstitucionalcronologico202454587\/category\/buscar-en-toda-la-corte\/2004\/tutelas-2004\/' title='Tutelas 2004' class='pt-cv-tax-tutelas-2004'>Tutelas 2004<\/a><\/div>\n<h4 class=\"pt-cv-title\"><a href=\"https:\/\/www.dmsjuridica.com\/buscador_20179478954\/corteconstitucionalcronologico202454587\/t-149-04\/\" class=\"_self\" target=\"_self\" >T-149-04<\/a><\/h4>\n<div class=\"pt-cv-content\">\u00a0 \u00a0 Sentencia T-149\/04 \u00a0 ACCION DE TUTELA-Prevalencia para protecci\u00f3n especial de la maternidad \u00a0 DERECHO A LA ESTABILIDAD LABORAL REFORZADA DE MUJER EMBARAZADA-Protecci\u00f3n constitucional especial \u00a0 ACCION DE TUTELA DE MUJER EMBARAZADA-Elementos f\u00e1cticos que deben demostrarse \u00a0 ACCION DE TUTELA-Improcedencia por falta de elementos probatorios \u00a0 Referencia: expediente: T-824480 \u00a0 Actora: Yamile Andrea Bedoya Roman \u00a0 Procedencia: Juzgados Primero Municipal de Caldas y Primero Penal del Circuito de Itagui\u00a0 \u00a0 Magistrado Ponente:\u00a0 \u00a0 Dr. MARCO GERARDO MONROY CABRA \u00a0 Bogot\u00e1, D. C., diecinueve (19) de febrero de dos mil cuatro (2004). \u00a0 La Sala Sexta de Revisi\u00f3n de la ...<br \/><div class=\"pt-cv-rmwrap\"><a href=\"https:\/\/www.dmsjuridica.com\/buscador_20179478954\/corteconstitucionalcronologico202454587\/t-149-04\/\" class=\"_self pt-cv-readmore btn btn-success\" target=\"_self\">Ver Sentencia Completa...<\/a><\/div><\/div><\/div><\/div>\n<div class=\"col-md-12 col-sm-12 col-xs-12 pt-cv-content-item pt-cv-1-col\" ><div class='pt-cv-ifield'><a href=\"https:\/\/www.dmsjuridica.com\/buscador_20179478954\/corteconstitucionalcronologico202454587\/t-148-04\/\" class=\"_self pt-cv-href-thumbnail pt-cv-thumb-default\" target=\"_self\" ><\/a>\n<div class=\"pt-cv-taxoterm above_title\"><a href='https:\/\/www.dmsjuridica.com\/buscador_20179478954\/corteconstitucionalcronologico202454587\/category\/buscar-en-toda-la-corte\/2004\/tutelas-2004\/' title='Tutelas 2004' class='pt-cv-tax-tutelas-2004'>Tutelas 2004<\/a><\/div>\n<h4 class=\"pt-cv-title\"><a href=\"https:\/\/www.dmsjuridica.com\/buscador_20179478954\/corteconstitucionalcronologico202454587\/t-148-04\/\" class=\"_self\" target=\"_self\" >T-148-04<\/a><\/h4>\n<div class=\"pt-cv-content\">\u00a0 \u00a0 Sentencia T-148\/04 \u00a0 ACCION DE TUTELA-Subsidiariedad \u00a0 ACCION DE TUTELA TRANSITORIA-Procedencia \u00a0 PERJUICIO IRREMEDIABLE-Elementos \u00a0 ACCION DE TUTELA TRANSITORIA-Improcedencia por no existir perjuicio irremediable \u00a0 No puede pensarse que se estar\u00eda ante un caso de tutela como mecanismo transitorio por dos razones: i) est\u00e1 demostrado que no existe el perjuicio irremediable porque el proceso ejecutivo est\u00e1 suspendido hasta tanto no decida la jurisdicci\u00f3n contenciosa; ii) el hecho de que el tutelante presente la acci\u00f3n casi tres a\u00f1os despu\u00e9s de proferidos los actos administrativos y dos despu\u00e9s de instaurar la acci\u00f3n de nulidad, es un indicio de comportamiento que ...<br \/><div class=\"pt-cv-rmwrap\"><a href=\"https:\/\/www.dmsjuridica.com\/buscador_20179478954\/corteconstitucionalcronologico202454587\/t-148-04\/\" class=\"_self pt-cv-readmore btn btn-success\" target=\"_self\">Ver Sentencia Completa...<\/a><\/div><\/div><\/div><\/div>\n<div class=\"col-md-12 col-sm-12 col-xs-12 pt-cv-content-item pt-cv-1-col\" ><div class='pt-cv-ifield'><a href=\"https:\/\/www.dmsjuridica.com\/buscador_20179478954\/corteconstitucionalcronologico202454587\/t-147-04\/\" class=\"_self pt-cv-href-thumbnail pt-cv-thumb-default\" target=\"_self\" ><\/a>\n<div class=\"pt-cv-taxoterm above_title\"><a href='https:\/\/www.dmsjuridica.com\/buscador_20179478954\/corteconstitucionalcronologico202454587\/category\/buscar-en-toda-la-corte\/2004\/tutelas-2004\/' title='Tutelas 2004' class='pt-cv-tax-tutelas-2004'>Tutelas 2004<\/a><\/div>\n<h4 class=\"pt-cv-title\"><a href=\"https:\/\/www.dmsjuridica.com\/buscador_20179478954\/corteconstitucionalcronologico202454587\/t-147-04\/\" class=\"_self\" target=\"_self\" >T-147-04<\/a><\/h4>\n<div class=\"pt-cv-content\">\u00a0 \u00a0 Sentencia T-147\/04 \u00a0 ACCION DE TUTELA-Procedencia \u00a0 SERVICIOS PUBLICOS DOMICILIARIOS-Protecci\u00f3n por tutela cuando se afectan derechos fundamentales \u00a0 CONTRATO DE PRESTACION DE SERVICIOS PUBLICOS DOMICILIARIOS-Solidaridad \u00a0 SERVICIOS PUBLICOS DOMICILIARIOS-El propietario del inmueble es deudor solidario \u00a0 SERVICIOS PUBLICOS DOMICILIARIOS-Deudor solidario debe pagar los primeros tres per\u00edodos de mora \u00a0 PERJUICIO IRREMEDIABLE-Inexistencia\/SERVICIOS PUBLICOS DOMICILIARIOS-Suspensi\u00f3n de l\u00ednea telef\u00f3nica y cobro coactivo \u00a0 ACCION DE TUTELA-Improcedencia por no existir conexidad con derechos fundamentales \u00a0 La acci\u00f3n de tutela no es el mecanismo judicial id\u00f3neo para dirimir la controversia planteada entre la peticionaria y Telecom, por cuanto en el presente caso el ...<br \/><div class=\"pt-cv-rmwrap\"><a href=\"https:\/\/www.dmsjuridica.com\/buscador_20179478954\/corteconstitucionalcronologico202454587\/t-147-04\/\" class=\"_self pt-cv-readmore btn btn-success\" target=\"_self\">Ver Sentencia Completa...<\/a><\/div><\/div><\/div><\/div>\n<div class=\"col-md-12 col-sm-12 col-xs-12 pt-cv-content-item pt-cv-1-col\" ><div class='pt-cv-ifield'><a href=\"https:\/\/www.dmsjuridica.com\/buscador_20179478954\/corteconstitucionalcronologico202454587\/t-146-04\/\" class=\"_self pt-cv-href-thumbnail pt-cv-thumb-default\" target=\"_self\" ><\/a>\n<div class=\"pt-cv-taxoterm above_title\"><a href='https:\/\/www.dmsjuridica.com\/buscador_20179478954\/corteconstitucionalcronologico202454587\/category\/buscar-en-toda-la-corte\/2004\/tutelas-2004\/' title='Tutelas 2004' class='pt-cv-tax-tutelas-2004'>Tutelas 2004<\/a><\/div>\n<h4 class=\"pt-cv-title\"><a href=\"https:\/\/www.dmsjuridica.com\/buscador_20179478954\/corteconstitucionalcronologico202454587\/t-146-04\/\" class=\"_self\" target=\"_self\" >T-146-04<\/a><\/h4>\n<div class=\"pt-cv-content\">\u00a0 \u00a0 Sentencia T-146\/04 \u00a0 PRINCIPIO DE LA CONFIANZA LEGITIMA-Alcance \u00a0 ESPACIO PUBLICO-Pol\u00edticas y programas de las autoridades para lograr su recuperaci\u00f3n \u00a0 ESPACIO PUBLICO-No se vulnera por vendedor ambulante en silla de ruedas \u00a0 La Sala de Revisi\u00f3n estima que el alcance dado al articulo 82 de Constituci\u00f3n Pol\u00edtica por parte de los Jueces de instancia se reitera, en el entendido de que por tratarse de un vendedor ambulante que se desplaza en una silla de ruedas cargando consigo su mercanc\u00eda (loter\u00edas y escapularios) sin ocupar el espacio p\u00fablico, no constituye por si s\u00f3lo un obst\u00e1culo para el tr\u00e1nsito ...<br \/><div class=\"pt-cv-rmwrap\"><a href=\"https:\/\/www.dmsjuridica.com\/buscador_20179478954\/corteconstitucionalcronologico202454587\/t-146-04\/\" class=\"_self pt-cv-readmore btn btn-success\" target=\"_self\">Ver Sentencia Completa...<\/a><\/div><\/div><\/div><\/div>\n<div class=\"col-md-12 col-sm-12 col-xs-12 pt-cv-content-item pt-cv-1-col\" ><div class='pt-cv-ifield'><a href=\"https:\/\/www.dmsjuridica.com\/buscador_20179478954\/corteconstitucionalcronologico202454587\/t-145-04\/\" class=\"_self pt-cv-href-thumbnail pt-cv-thumb-default\" target=\"_self\" ><\/a>\n<div class=\"pt-cv-taxoterm above_title\"><a href='https:\/\/www.dmsjuridica.com\/buscador_20179478954\/corteconstitucionalcronologico202454587\/category\/buscar-en-toda-la-corte\/2004\/tutelas-2004\/' title='Tutelas 2004' class='pt-cv-tax-tutelas-2004'>Tutelas 2004<\/a><\/div>\n<h4 class=\"pt-cv-title\"><a href=\"https:\/\/www.dmsjuridica.com\/buscador_20179478954\/corteconstitucionalcronologico202454587\/t-145-04\/\" class=\"_self\" target=\"_self\" >T-145-04<\/a><\/h4>\n<div class=\"pt-cv-content\">\u00a0 \u00a0 Sentencia T-145\/04 \u00a0 SUPERINTENDENCIA DE INDUSTRIA Y COMERCIO-Protecci\u00f3n al consumidor\/SUPERINTENDENCIA DE INDUSTRIA Y COMERCIO-Naturaleza de las funciones en materia de protecci\u00f3n al consumidor\/SUPERINTENDENCIA DE INDUSTRIA Y COMERCIO-Atribuciones administrativas y judiciales en materia de protecci\u00f3n al consumidor \u00a0 En materia de protecci\u00f3n al consumidor la Superintendencia de Industria y Comercio ha ejercido tradicionalmente funciones que de acuerdo con las normas mencionadas le permiten cumplir con su misi\u00f3n institucional. En estas condiciones, no cabe duda que las actuaciones que la mencionada autoridad adelanta con fundamento en las normas referidas tienen naturaleza administrativa. En este punto cabe advertir que la Sala ...<br \/><div class=\"pt-cv-rmwrap\"><a href=\"https:\/\/www.dmsjuridica.com\/buscador_20179478954\/corteconstitucionalcronologico202454587\/t-145-04\/\" class=\"_self pt-cv-readmore btn btn-success\" target=\"_self\">Ver Sentencia Completa...<\/a><\/div><\/div><\/div><\/div>\n<div class=\"col-md-12 col-sm-12 col-xs-12 pt-cv-content-item pt-cv-1-col\" ><div class='pt-cv-ifield'><a href=\"https:\/\/www.dmsjuridica.com\/buscador_20179478954\/corteconstitucionalcronologico202454587\/t-144-04\/\" class=\"_self pt-cv-href-thumbnail pt-cv-thumb-default\" target=\"_self\" ><\/a>\n<div class=\"pt-cv-taxoterm above_title\"><a href='https:\/\/www.dmsjuridica.com\/buscador_20179478954\/corteconstitucionalcronologico202454587\/category\/buscar-en-toda-la-corte\/2004\/tutelas-2004\/' title='Tutelas 2004' class='pt-cv-tax-tutelas-2004'>Tutelas 2004<\/a><\/div>\n<h4 class=\"pt-cv-title\"><a href=\"https:\/\/www.dmsjuridica.com\/buscador_20179478954\/corteconstitucionalcronologico202454587\/t-144-04\/\" class=\"_self\" target=\"_self\" >T-144-04<\/a><\/h4>\n<div class=\"pt-cv-content\">\u00a0 \u00a0 Sentencia T-144\/04 \u00a0 PRESUNCION DE VERACIDAD-Demandado no rinde informe solicitado por el juez \u00a0 DERECHO DE PETICION-Alcance\/DERECHO DE PETICION-N\u00facleo esencial \u00a0 DERECHO DE PETICION EN MATERIA PENSIONAL-T\u00e9rminos para resolver \u00a0 DERECHO DE PETICION-Vulneraci\u00f3n por cuanto no se respondi\u00f3 dentro del termino legal \u00a0 Reiteraci\u00f3n de Jurisprudencia \u00a0 Referencia: expediente T-800128 \u00a0 Acci\u00f3n de tutela instaurada por Fabiola Duran Restrepo contra el Seguro Social Seccional Bogot\u00e1. \u00a0 Magistrado Ponente: \u00a0 Bogot\u00e1 D. C., diecinueve (19) de febrero de dos mil cuatro (2004). \u00a0 La Sala Octava de Revisi\u00f3n de la Corte Constitucional, en ejercicio de sus competencias constitucionales y ...<br \/><div class=\"pt-cv-rmwrap\"><a href=\"https:\/\/www.dmsjuridica.com\/buscador_20179478954\/corteconstitucionalcronologico202454587\/t-144-04\/\" class=\"_self pt-cv-readmore btn btn-success\" target=\"_self\">Ver Sentencia Completa...<\/a><\/div><\/div><\/div><\/div>\n<div class=\"col-md-12 col-sm-12 col-xs-12 pt-cv-content-item pt-cv-1-col\" ><div class='pt-cv-ifield'><a href=\"https:\/\/www.dmsjuridica.com\/buscador_20179478954\/corteconstitucionalcronologico202454587\/t-143-04\/\" class=\"_self pt-cv-href-thumbnail pt-cv-thumb-default\" target=\"_self\" ><\/a>\n<div class=\"pt-cv-taxoterm above_title\"><a href='https:\/\/www.dmsjuridica.com\/buscador_20179478954\/corteconstitucionalcronologico202454587\/category\/buscar-en-toda-la-corte\/2004\/tutelas-2004\/' title='Tutelas 2004' class='pt-cv-tax-tutelas-2004'>Tutelas 2004<\/a><\/div>\n<h4 class=\"pt-cv-title\"><a href=\"https:\/\/www.dmsjuridica.com\/buscador_20179478954\/corteconstitucionalcronologico202454587\/t-143-04\/\" class=\"_self\" target=\"_self\" >T-143-04<\/a><\/h4>\n<div class=\"pt-cv-content\">\u00a0 \u00a0 Sentencia T-143\/04 \u00a0 PRESUNCION DE VERACIDAD-Demandado no rinde informe solicitado por el juez \u00a0 DERECHO DE PETICION-Alcance\/DERECHO DE PETICION-N\u00facleo esencial \u00a0 DERECHO DE PETICION EN MATERIA PENSIONAL-T\u00e9rminos para resolver \u00a0 DERECHO DE PETICION-Vulneraci\u00f3n por cuanto no se respondi\u00f3 dentro del termino legal \u00a0 Referencia: expedientes acumulados T-802261, T-803624, T-803688 y T-803689. \u00a0 Acci\u00f3n de tutela instaurada por Jos\u00e9 Manuel El\u00edas Cabana, Juan de la Cruz Cardona Cardona, Jorge Alberto C\u00e1rdenas, Roc\u00edo Rodr\u00edguez Su\u00e1rez contra Caja Nacional de Previsi\u00f3n Social Seccionales Magdalena y Bogot\u00e1. \u00a0 \u00a0 Magistrado Ponente: \u00a0 Dr. EDUARDO MONTEALEGRE LYNETT. \u00a0 Bogot\u00e1, D. C., diecinueve (19) ...<br \/><div class=\"pt-cv-rmwrap\"><a href=\"https:\/\/www.dmsjuridica.com\/buscador_20179478954\/corteconstitucionalcronologico202454587\/t-143-04\/\" class=\"_self pt-cv-readmore btn btn-success\" target=\"_self\">Ver Sentencia Completa...<\/a><\/div><\/div><\/div><\/div>\n<div class=\"col-md-12 col-sm-12 col-xs-12 pt-cv-content-item pt-cv-1-col\" ><div class='pt-cv-ifield'><a href=\"https:\/\/www.dmsjuridica.com\/buscador_20179478954\/corteconstitucionalcronologico202454587\/t-142-04\/\" class=\"_self pt-cv-href-thumbnail pt-cv-thumb-default\" target=\"_self\" ><\/a>\n<div class=\"pt-cv-taxoterm above_title\"><a href='https:\/\/www.dmsjuridica.com\/buscador_20179478954\/corteconstitucionalcronologico202454587\/category\/buscar-en-toda-la-corte\/2004\/tutelas-2004\/' title='Tutelas 2004' class='pt-cv-tax-tutelas-2004'>Tutelas 2004<\/a><\/div>\n<h4 class=\"pt-cv-title\"><a href=\"https:\/\/www.dmsjuridica.com\/buscador_20179478954\/corteconstitucionalcronologico202454587\/t-142-04\/\" class=\"_self\" target=\"_self\" >T-142-04<\/a><\/h4>\n<div class=\"pt-cv-content\">\u00a0 \u00a0 Sentencia T-142\/04 \u00a0 DERECHO A LA SALUD-No se pueden oponer per\u00edodos m\u00ednimos de cotizaci\u00f3n ante situaciones de urgencia \u00a0 DERECHO A LA SALUD-Carga de la prueba sobre incapacidad econ\u00f3mica para asumir tratamiento \u00a0 JUEZ DE INSTANCIA-Desconocimiento del precedente jurisprudencial \u00a0 ENTIDAD PROMOTORA DE SALUD-Autorizaci\u00f3n tratamiento m\u00e9dico y repetici\u00f3n contra el Fosyga \u00a0 Referencia: expediente T-840347 \u00a0 Acci\u00f3n de tutela de Elvia Rosa Vizca\u00edno G\u00f3mez, en representaci\u00f3n de Sandra Paola Torrado Vizca\u00edno, contra el Seguro Social \u2013 Seccional Cesar. \u00a0 \u00a0 Procedencia: Tribunal Superior de Valledupar -Sala Civil, Familia, Laboral. \u00a0 Magistrado Ponente:\u00a0 \u00a0 Dr. ALFREDO BELTR\u00c1N SIERRA \u00a0 ...<br \/><div class=\"pt-cv-rmwrap\"><a href=\"https:\/\/www.dmsjuridica.com\/buscador_20179478954\/corteconstitucionalcronologico202454587\/t-142-04\/\" class=\"_self pt-cv-readmore btn btn-success\" target=\"_self\">Ver Sentencia Completa...<\/a><\/div><\/div><\/div><\/div>\n<div class=\"col-md-12 col-sm-12 col-xs-12 pt-cv-content-item pt-cv-1-col\" ><div class='pt-cv-ifield'><a href=\"https:\/\/www.dmsjuridica.com\/buscador_20179478954\/corteconstitucionalcronologico202454587\/t-141-04\/\" class=\"_self pt-cv-href-thumbnail pt-cv-thumb-default\" target=\"_self\" ><\/a>\n<div class=\"pt-cv-taxoterm above_title\"><a href='https:\/\/www.dmsjuridica.com\/buscador_20179478954\/corteconstitucionalcronologico202454587\/category\/buscar-en-toda-la-corte\/2004\/tutelas-2004\/' title='Tutelas 2004' class='pt-cv-tax-tutelas-2004'>Tutelas 2004<\/a><\/div>\n<h4 class=\"pt-cv-title\"><a href=\"https:\/\/www.dmsjuridica.com\/buscador_20179478954\/corteconstitucionalcronologico202454587\/t-141-04\/\" class=\"_self\" target=\"_self\" >T-141-04<\/a><\/h4>\n<div class=\"pt-cv-content\">\u00a0 \u00a0 Sentencia T-141\/04 \u00a0 DERECHO DE PETICION-Pronta resoluci\u00f3n \u00a0 DERECHO DE PETICION EN MATERIA PENSIONAL-Categor\u00edas \u00a0 Es necesario determinar el diferente tipo de peticiones que pueden presentarse en materia pensional, y a cu\u00e1l de ellas pertenece la solicitud de acrecimiento pensional. Una primera subcategor\u00eda de peticiones est\u00e1 encaminada al reconocimiento del derecho a acceder a una pensi\u00f3n o a ser sustituto de la misma. Una segunda clase tiene por finalidad, no que se reconozca el derecho pensional, sino que se reconsidere el monto que efectivamente se paga de la misma. A esta modalidad pertenecen las peticiones de reliquidaci\u00f3n y ...<br \/><div class=\"pt-cv-rmwrap\"><a href=\"https:\/\/www.dmsjuridica.com\/buscador_20179478954\/corteconstitucionalcronologico202454587\/t-141-04\/\" class=\"_self pt-cv-readmore btn btn-success\" target=\"_self\">Ver Sentencia Completa...<\/a><\/div><\/div><\/div><\/div>\n<div class=\"col-md-12 col-sm-12 col-xs-12 pt-cv-content-item pt-cv-1-col\" ><div class='pt-cv-ifield'><a href=\"https:\/\/www.dmsjuridica.com\/buscador_20179478954\/corteconstitucionalcronologico202454587\/t-140-04\/\" class=\"_self pt-cv-href-thumbnail pt-cv-thumb-default\" target=\"_self\" ><\/a>\n<div class=\"pt-cv-taxoterm above_title\"><a href='https:\/\/www.dmsjuridica.com\/buscador_20179478954\/corteconstitucionalcronologico202454587\/category\/buscar-en-toda-la-corte\/2004\/tutelas-2004\/' title='Tutelas 2004' class='pt-cv-tax-tutelas-2004'>Tutelas 2004<\/a><\/div>\n<h4 class=\"pt-cv-title\"><a href=\"https:\/\/www.dmsjuridica.com\/buscador_20179478954\/corteconstitucionalcronologico202454587\/t-140-04\/\" class=\"_self\" target=\"_self\" >T-140-04<\/a><\/h4>\n<div class=\"pt-cv-content\">\u00a0 \u00a0 Sentencia T-140\/04 \u00a0 DERECHO A LA EDUCACION-Vulneraci\u00f3n por cierre de jard\u00edn infantil\/DERECHO A LA EDUCACION-Autoridades deben tomar las medidas necesarias para prevenir desescolarizaci\u00f3n de los menores \u00a0 PRINCIPIO DE PROPORCIONALIDAD-Debe tenerse en cuenta en las reestructuraciones de entidades del Estado \u00a0 DERECHO A LA EDUCACION-Cierre intempestivo de jard\u00edn infantil de Telecom \u00a0 DERECHO A LA EDUCACION-Casos en que se vulnera por reestructuraci\u00f3n de entidades del Estado \u00a0 El derecho a la educaci\u00f3n de los menores es vulnerado, cuando en un proceso de reestructuraci\u00f3n de una entidad del Estado, i) puede constatarse la existencia de una instituci\u00f3n escolarizada en ...<br \/><div class=\"pt-cv-rmwrap\"><a href=\"https:\/\/www.dmsjuridica.com\/buscador_20179478954\/corteconstitucionalcronologico202454587\/t-140-04\/\" class=\"_self pt-cv-readmore btn btn-success\" target=\"_self\">Ver Sentencia Completa...<\/a><\/div><\/div><\/div><\/div>\n<div class=\"col-md-12 col-sm-12 col-xs-12 pt-cv-content-item pt-cv-1-col\" ><div class='pt-cv-ifield'><a href=\"https:\/\/www.dmsjuridica.com\/buscador_20179478954\/corteconstitucionalcronologico202454587\/t-139-04\/\" class=\"_self pt-cv-href-thumbnail pt-cv-thumb-default\" target=\"_self\" ><\/a>\n<div class=\"pt-cv-taxoterm above_title\"><a href='https:\/\/www.dmsjuridica.com\/buscador_20179478954\/corteconstitucionalcronologico202454587\/category\/buscar-en-toda-la-corte\/2004\/tutelas-2004\/' title='Tutelas 2004' class='pt-cv-tax-tutelas-2004'>Tutelas 2004<\/a><\/div>\n<h4 class=\"pt-cv-title\"><a href=\"https:\/\/www.dmsjuridica.com\/buscador_20179478954\/corteconstitucionalcronologico202454587\/t-139-04\/\" class=\"_self\" target=\"_self\" >T-139-04<\/a><\/h4>\n<div class=\"pt-cv-content\">\u00a0 \u00a0 Sentencia T-139\/04 \u00a0 ACCION DE TUTELA-Procedencia excepcional pago de acreencias laborales \u00a0 DERECHO AL MINIMO VITAL DEL PENSIONADO-Pago oportuno y completo de mesadas \u00a0 ACCION DE TUTELA-Carencia actual de objeto por pago de mesadas pensi\u00f3nales \u00a0 EMPLEADOR-Implementaci\u00f3n de estrategias para garantizar el pago de mesadas pensionales \u00a0 Reiteraci\u00f3n de Jurisprudencia \u00a0 Referencia: expediente T-802413 \u00a0 Acci\u00f3n de tutela instaurada por Ana de Dios Mojica Estupi\u00f1\u00e1n contra la E.S.E. Hospital San Juan de Dios de San Gil (Santander). \u00a0 Magistrada Ponente: \u00a0 Dra. CLARA IN\u00c9S VARGAS HERN\u00c1NDEZ \u00a0 Bogot\u00e1, D. C., diecinueve (19) de febrero de dos mil cuatro ...<br \/><div class=\"pt-cv-rmwrap\"><a href=\"https:\/\/www.dmsjuridica.com\/buscador_20179478954\/corteconstitucionalcronologico202454587\/t-139-04\/\" class=\"_self pt-cv-readmore btn btn-success\" target=\"_self\">Ver Sentencia Completa...<\/a><\/div><\/div><\/div><\/div>\n<div class=\"col-md-12 col-sm-12 col-xs-12 pt-cv-content-item pt-cv-1-col\" ><div class='pt-cv-ifield'><a href=\"https:\/\/www.dmsjuridica.com\/buscador_20179478954\/corteconstitucionalcronologico202454587\/t-138-04\/\" class=\"_self pt-cv-href-thumbnail pt-cv-thumb-default\" target=\"_self\" ><\/a>\n<div class=\"pt-cv-taxoterm above_title\"><a href='https:\/\/www.dmsjuridica.com\/buscador_20179478954\/corteconstitucionalcronologico202454587\/category\/buscar-en-toda-la-corte\/2004\/tutelas-2004\/' title='Tutelas 2004' class='pt-cv-tax-tutelas-2004'>Tutelas 2004<\/a><\/div>\n<h4 class=\"pt-cv-title\"><a href=\"https:\/\/www.dmsjuridica.com\/buscador_20179478954\/corteconstitucionalcronologico202454587\/t-138-04\/\" class=\"_self\" target=\"_self\" >T-138-04<\/a><\/h4>\n<div class=\"pt-cv-content\">\u00a0 \u00a0 Sentencia T-138\/04 \u00a0 ENFERMEDADES DE ALTO COSTO-Alternativas para que los pacientes puedan acceder al tratamiento \u00a0 PRINCIPIO DE SOLIDARIDAD-Pago moderador, copago y pago compartido \u00a0 ENFERMEDADES CATASTROFICAS O RUINOSAS-Per\u00edodos m\u00ednimos de cotizaci\u00f3n \u00a0 DERECHOS FUNDAMENTALES-No se pueden vulnerar por la exigencia del pago compartido\/ENTIDAD PROMOTORA DE SALUD-Estudio sobre la capacidad socioecon\u00f3mica del paciente\/ENTIDAD PROMOTORA DE SALUD-Repetici\u00f3n contra el Fosyga \u00a0 ENFERMEDADES CATASTROFICAS O RUINOSAS-Casos de urgencia\/ENTIDAD PROMOTORA DE SALUD-No puede condicionar el servicio a la asunci\u00f3n de costos del pago compartido \u00a0 ACCION DE TUTELA-Improcedencia para resolver econ\u00f3micos \u00a0 Las controversias suscitadas por aspectos puramente econ\u00f3micos, que dependen ...<br \/><div class=\"pt-cv-rmwrap\"><a href=\"https:\/\/www.dmsjuridica.com\/buscador_20179478954\/corteconstitucionalcronologico202454587\/t-138-04\/\" class=\"_self pt-cv-readmore btn btn-success\" target=\"_self\">Ver Sentencia Completa...<\/a><\/div><\/div><\/div><\/div>\n<div class=\"col-md-12 col-sm-12 col-xs-12 pt-cv-content-item pt-cv-1-col\" ><div class='pt-cv-ifield'><a href=\"https:\/\/www.dmsjuridica.com\/buscador_20179478954\/corteconstitucionalcronologico202454587\/t-137-04\/\" class=\"_self pt-cv-href-thumbnail pt-cv-thumb-default\" target=\"_self\" ><\/a>\n<div class=\"pt-cv-taxoterm above_title\"><a href='https:\/\/www.dmsjuridica.com\/buscador_20179478954\/corteconstitucionalcronologico202454587\/category\/buscar-en-toda-la-corte\/2004\/tutelas-2004\/' title='Tutelas 2004' class='pt-cv-tax-tutelas-2004'>Tutelas 2004<\/a><\/div>\n<h4 class=\"pt-cv-title\"><a href=\"https:\/\/www.dmsjuridica.com\/buscador_20179478954\/corteconstitucionalcronologico202454587\/t-137-04\/\" class=\"_self\" target=\"_self\" >T-137-04<\/a><\/h4>\n<div class=\"pt-cv-content\">\u00a0 \u00a0 Sentencia T-137\/04 \u00a0 ACCION DE TUTELA-Sustracci\u00f3n de materia\/ACCION DE TUTELA-Hecho superado por pago de mesadas pensionales \u00a0 MUNICIPIO-Omisi\u00f3n de gestiones presupuestales para pago de mesadas pensionales \u00a0 Referencia: expediente T-820590 \u00a0 Acci\u00f3n de tutela instaurada por Hernando Rojas contra el Municipio del Guamo, Tolima \u00a0 Magistrado Ponente: \u00a0 Dr. MANUEL JOSE CEPEDA ESPINOSA \u00a0 Bogot\u00e1, D. C., diecinueve (19) de febrero de dos mil cuatro (2004). \u00a0 La Sala Tercera de Revisi\u00f3n de la Corte Constitucional, integrada por los magistrados Manuel Jos\u00e9 Cepeda Espinosa, Jaime C\u00f3rdoba Trivi\u00f1o y Rodrigo Escobar Gil, en ejercicio de sus competencias constitucionales y ...<br \/><div class=\"pt-cv-rmwrap\"><a href=\"https:\/\/www.dmsjuridica.com\/buscador_20179478954\/corteconstitucionalcronologico202454587\/t-137-04\/\" class=\"_self pt-cv-readmore btn btn-success\" target=\"_self\">Ver Sentencia Completa...<\/a><\/div><\/div><\/div><\/div>\n<div class=\"col-md-12 col-sm-12 col-xs-12 pt-cv-content-item pt-cv-1-col\" ><div class='pt-cv-ifield'><a href=\"https:\/\/www.dmsjuridica.com\/buscador_20179478954\/corteconstitucionalcronologico202454587\/t-136-04\/\" class=\"_self pt-cv-href-thumbnail pt-cv-thumb-default\" target=\"_self\" ><\/a>\n<div class=\"pt-cv-taxoterm above_title\"><a href='https:\/\/www.dmsjuridica.com\/buscador_20179478954\/corteconstitucionalcronologico202454587\/category\/buscar-en-toda-la-corte\/2004\/tutelas-2004\/' title='Tutelas 2004' class='pt-cv-tax-tutelas-2004'>Tutelas 2004<\/a><\/div>\n<h4 class=\"pt-cv-title\"><a href=\"https:\/\/www.dmsjuridica.com\/buscador_20179478954\/corteconstitucionalcronologico202454587\/t-136-04\/\" class=\"_self\" target=\"_self\" >T-136-04<\/a><\/h4>\n<div class=\"pt-cv-content\">\u00a0 \u00a0 Sentencia T-136\/04 \u00a0 INAPLICACION DE NORMAS DEL PLAN OBLIGATORIO DE SALUD-Casos en que procede por exclusi\u00f3n de tratamientos y medicamentos de alto costo \u00a0 PRINCIPIO DE INTEGRALIDAD DEL SISTEMA DE SEGURIDAD SOCIAL EN SALUD-Contenido \u00a0 ENTIDAD PROMOTORA DE SALUD-Pr\u00e1ctica terapia fotodin\u00e1mica y repetici\u00f3n contra el Fosyga\/ACCION DE TUTELA-Procedencia para garantizar la integralidad del tratamiento m\u00e9dico \u00a0 Reiteraci\u00f3n de jurisprudencia \u00a0 Referencia: expediente T-839394 \u00a0 Magistrado Ponente: \u00a0 Dr. MANUEL JOS\u00c9 CEPEDA ESPINOSA \u00a0 Bogot\u00e1, D. C., diecinueve (19) de febrero de dos mil cuatro (2004). \u00a0 1. Jos\u00e9 Roberto Montes Valencia, \u201cobrando en nombre y en representaci\u00f3n, como ...<br \/><div class=\"pt-cv-rmwrap\"><a href=\"https:\/\/www.dmsjuridica.com\/buscador_20179478954\/corteconstitucionalcronologico202454587\/t-136-04\/\" class=\"_self pt-cv-readmore btn btn-success\" target=\"_self\">Ver Sentencia Completa...<\/a><\/div><\/div><\/div><\/div>\n<div class=\"col-md-12 col-sm-12 col-xs-12 pt-cv-content-item pt-cv-1-col\" ><div class='pt-cv-ifield'><a href=\"https:\/\/www.dmsjuridica.com\/buscador_20179478954\/corteconstitucionalcronologico202454587\/t-135-04\/\" class=\"_self pt-cv-href-thumbnail pt-cv-thumb-default\" target=\"_self\" ><\/a>\n<div class=\"pt-cv-taxoterm above_title\"><a href='https:\/\/www.dmsjuridica.com\/buscador_20179478954\/corteconstitucionalcronologico202454587\/category\/buscar-en-toda-la-corte\/2004\/tutelas-2004\/' title='Tutelas 2004' class='pt-cv-tax-tutelas-2004'>Tutelas 2004<\/a><\/div>\n<h4 class=\"pt-cv-title\"><a href=\"https:\/\/www.dmsjuridica.com\/buscador_20179478954\/corteconstitucionalcronologico202454587\/t-135-04\/\" class=\"_self\" target=\"_self\" >T-135-04<\/a><\/h4>\n<div class=\"pt-cv-content\">\u00a0 \u00a0 Sentencia T-135\/04 \u00a0 DERECHO A LA EDUCACION-Prevalencia cuando existe conflicto con intereses econ\u00f3micos \u00a0 Por regla general, cuandoquiera que el derecho de las entidades educativas privadas a obtener el pago de los cr\u00e9ditos que obren a su favor por concepto de matr\u00edculas y pensiones entre en conflicto con el derecho de los educandos a recibir un servicio adecuado y a continuar su proceso de formaci\u00f3n, debe prevalecer temporalmente el derecho a la educaci\u00f3n, puesto que ser\u00eda desproporcionado permitir que un inter\u00e9s meramente econ\u00f3mico sacrifique irrazonablemente las finalidades que persigue el proceso educativo como un todo, mucho m\u00e1s trat\u00e1ndose ...<br \/><div class=\"pt-cv-rmwrap\"><a href=\"https:\/\/www.dmsjuridica.com\/buscador_20179478954\/corteconstitucionalcronologico202454587\/t-135-04\/\" class=\"_self pt-cv-readmore btn btn-success\" target=\"_self\">Ver Sentencia Completa...<\/a><\/div><\/div><\/div><\/div>\n<div class=\"col-md-12 col-sm-12 col-xs-12 pt-cv-content-item pt-cv-1-col\" ><div class='pt-cv-ifield'><a href=\"https:\/\/www.dmsjuridica.com\/buscador_20179478954\/corteconstitucionalcronologico202454587\/t-134-04\/\" class=\"_self pt-cv-href-thumbnail pt-cv-thumb-default\" target=\"_self\" ><\/a>\n<div class=\"pt-cv-taxoterm above_title\"><a href='https:\/\/www.dmsjuridica.com\/buscador_20179478954\/corteconstitucionalcronologico202454587\/category\/buscar-en-toda-la-corte\/2004\/tutelas-2004\/' title='Tutelas 2004' class='pt-cv-tax-tutelas-2004'>Tutelas 2004<\/a><\/div>\n<h4 class=\"pt-cv-title\"><a href=\"https:\/\/www.dmsjuridica.com\/buscador_20179478954\/corteconstitucionalcronologico202454587\/t-134-04\/\" class=\"_self\" target=\"_self\" >T-134-04<\/a><\/h4>\n<div class=\"pt-cv-content\">\u00a0 \u00a0 Sentencia T-134\/04 \u00a0 ACCION DE TUTELA CONTRA PROVIDENCIAS JUDICIALES-Procedencia excepcional \u00a0 ACCION DE TUTELA CONTRA PROVIDENCIAS JUDICIALES-Situaciones de procedencia \u00a0 DERECHO DE ACCESO A LA ADMINISTRACION DE JUSTICIA-Alcance \u00a0 DERECHO DE ACCESO A LA ADMINISTRACION DE JUSTICIA-Caracter\u00edsticas\/DERECHO DE ACCESO A LA ADMINISTRACION DE JUSTICIA-Obtenci\u00f3n de decisiones de fondo\/DERECHO DE ACCESO A LA ADMINISTRACION DE JUSTICIA-Vulneraci\u00f3n por emitir decisiones inhibitorias \u00a0 La administraci\u00f3n de justicia es funci\u00f3n p\u00fablica y, en tal calidad, debe ser ejecutada con primac\u00eda del derecho sustancial, sin dilaciones injustificadas y a trav\u00e9s de un funcionamiento desconcentrado y aut\u00f3nomo. Estas caracter\u00edsticas cualifican la administraci\u00f3n de justicia ...<br \/><div class=\"pt-cv-rmwrap\"><a href=\"https:\/\/www.dmsjuridica.com\/buscador_20179478954\/corteconstitucionalcronologico202454587\/t-134-04\/\" class=\"_self pt-cv-readmore btn btn-success\" target=\"_self\">Ver Sentencia Completa...<\/a><\/div><\/div><\/div><\/div>\n<div class=\"col-md-12 col-sm-12 col-xs-12 pt-cv-content-item pt-cv-1-col\" ><div class='pt-cv-ifield'><a href=\"https:\/\/www.dmsjuridica.com\/buscador_20179478954\/corteconstitucionalcronologico202454587\/t-133-04\/\" class=\"_self pt-cv-href-thumbnail pt-cv-thumb-default\" target=\"_self\" ><\/a>\n<div class=\"pt-cv-taxoterm above_title\"><a href='https:\/\/www.dmsjuridica.com\/buscador_20179478954\/corteconstitucionalcronologico202454587\/category\/buscar-en-toda-la-corte\/2004\/tutelas-2004\/' title='Tutelas 2004' class='pt-cv-tax-tutelas-2004'>Tutelas 2004<\/a><\/div>\n<h4 class=\"pt-cv-title\"><a href=\"https:\/\/www.dmsjuridica.com\/buscador_20179478954\/corteconstitucionalcronologico202454587\/t-133-04\/\" class=\"_self\" target=\"_self\" >T-133-04<\/a><\/h4>\n<div class=\"pt-cv-content\">\u00a0 \u00a0 Sentencia T-133\/04 \u00a0 VIOLENCIA INTRAFAMILIAR-Sistema normativo de protecci\u00f3n \u00a0 ACCION DE TUTELA TRANSITORIA-Afectaci\u00f3n de la vida e integridad personal por violencia intrafamiliar \u00a0 Dado el agresivo comportamiento del accionado, su idoneidad para afectar la vida o la integridad personal de su t\u00eda y de su madre, la avanzada edad de \u00e9stas, el peligro que corren esos derechos fundamentales y la inidoneidad de los mecanismos de protecci\u00f3n a los que hasta momento han acudido, es necesario concederles amparo constitucional hasta tanto el comisario de familia competente adopte las medidas de protecci\u00f3n pertinentes. Por estos motivos, la Sala tutelar\u00e1 los ...<br \/><div class=\"pt-cv-rmwrap\"><a href=\"https:\/\/www.dmsjuridica.com\/buscador_20179478954\/corteconstitucionalcronologico202454587\/t-133-04\/\" class=\"_self pt-cv-readmore btn btn-success\" target=\"_self\">Ver Sentencia Completa...<\/a><\/div><\/div><\/div><\/div>\n<div class=\"col-md-12 col-sm-12 col-xs-12 pt-cv-content-item pt-cv-1-col\" ><div class='pt-cv-ifield'><a href=\"https:\/\/www.dmsjuridica.com\/buscador_20179478954\/corteconstitucionalcronologico202454587\/t-132-04\/\" class=\"_self pt-cv-href-thumbnail pt-cv-thumb-default\" target=\"_self\" ><\/a>\n<div class=\"pt-cv-taxoterm above_title\"><a href='https:\/\/www.dmsjuridica.com\/buscador_20179478954\/corteconstitucionalcronologico202454587\/category\/buscar-en-toda-la-corte\/2004\/tutelas-2004\/' title='Tutelas 2004' class='pt-cv-tax-tutelas-2004'>Tutelas 2004<\/a><\/div>\n<h4 class=\"pt-cv-title\"><a href=\"https:\/\/www.dmsjuridica.com\/buscador_20179478954\/corteconstitucionalcronologico202454587\/t-132-04\/\" class=\"_self\" target=\"_self\" >T-132-04<\/a><\/h4>\n<div class=\"pt-cv-content\">\u00a0 \u00a0 Sentencia T-132\/04 \u00a0 ACCION DE TUTELA-Inmediatez \u00a0 AUTORIDAD DISCIPLINARIA-No alter\u00f3 la decisi\u00f3n en la que se califico insuficiente el rendimiento de la peticionaria \u00a0 Referencia: expediente T-798182 \u00a0 Acci\u00f3n de tutela instaurada por Ofelia Salazar Palacios contra la Secretar\u00eda de Educaci\u00f3n de Nari\u00f1o\u00a0 \u00a0 Magistrado Ponente: \u00a0 Dr. JAIME C\u00d3RDOBA TRIVI\u00d1O \u00a0 Bogot\u00e1, D. C., dieciocho (18) de febrero de dos mil cuatro (2004).\u00a0 \u00a0 La Sala Cuarta de Revisi\u00f3n de la Corte Constitucional, en ejercicio de sus competencias constitucionales y legales, profiere la siguiente \u00a0 SENTENCIA \u00a0 en el proceso de revisi\u00f3n del fallo dictado en el ...<br \/><div class=\"pt-cv-rmwrap\"><a href=\"https:\/\/www.dmsjuridica.com\/buscador_20179478954\/corteconstitucionalcronologico202454587\/t-132-04\/\" class=\"_self pt-cv-readmore btn btn-success\" target=\"_self\">Ver Sentencia Completa...<\/a><\/div><\/div><\/div><\/div>\n<div class=\"col-md-12 col-sm-12 col-xs-12 pt-cv-content-item pt-cv-1-col\" ><div class='pt-cv-ifield'><a href=\"https:\/\/www.dmsjuridica.com\/buscador_20179478954\/corteconstitucionalcronologico202454587\/t-1249-04\/\" class=\"_self pt-cv-href-thumbnail pt-cv-thumb-default\" target=\"_self\" ><\/a>\n<div class=\"pt-cv-taxoterm above_title\"><a href='https:\/\/www.dmsjuridica.com\/buscador_20179478954\/corteconstitucionalcronologico202454587\/category\/buscar-en-toda-la-corte\/2004\/tutelas-2004\/' title='Tutelas 2004' class='pt-cv-tax-tutelas-2004'>Tutelas 2004<\/a><\/div>\n<h4 class=\"pt-cv-title\"><a href=\"https:\/\/www.dmsjuridica.com\/buscador_20179478954\/corteconstitucionalcronologico202454587\/t-1249-04\/\" class=\"_self\" target=\"_self\" >T-1249-04<\/a><\/h4>\n<div class=\"pt-cv-content\">\u00a0 \u00a0 Sentencia T-1249\/04 \u00a0 DEBIDO PROCESO-Decisiones deben ser en plazo razonable \u00a0 PRINCIPIO DE CELERIDAD Y EFICIENCIA DE LA ADMINISTRACION DE JUSTICIA-Regulaci\u00f3n internacional\u00a0 \u00a0 La Convenci\u00f3n Americana de Derechos Humanos, conocida tambi\u00e9n como pacto de San Jos\u00e9 de Costa Rica dispone en su art\u00edculo 8.1, entre otras cosas, que toda persona tiene derecho a ser o\u00edda, con las debidas garant\u00edas, dentro de un plazo razonable por un Tribunal o Juez imparcial, competente e independiente. El desarrollo jurisprudencial que de esta prescripci\u00f3n normativa han realizado los \u00f3rganos interamericanos de protecci\u00f3n \u2013Comisi\u00f3n y Corte Interamericana de derechos humanos- acoge los par\u00e1metros ...<br \/><div class=\"pt-cv-rmwrap\"><a href=\"https:\/\/www.dmsjuridica.com\/buscador_20179478954\/corteconstitucionalcronologico202454587\/t-1249-04\/\" class=\"_self pt-cv-readmore btn btn-success\" target=\"_self\">Ver Sentencia Completa...<\/a><\/div><\/div><\/div><\/div>\n<div class=\"col-md-12 col-sm-12 col-xs-12 pt-cv-content-item pt-cv-1-col\" ><div class='pt-cv-ifield'><a href=\"https:\/\/www.dmsjuridica.com\/buscador_20179478954\/corteconstitucionalcronologico202454587\/t-1248-04\/\" class=\"_self pt-cv-href-thumbnail pt-cv-thumb-default\" target=\"_self\" ><\/a>\n<div class=\"pt-cv-taxoterm above_title\"><a href='https:\/\/www.dmsjuridica.com\/buscador_20179478954\/corteconstitucionalcronologico202454587\/category\/buscar-en-toda-la-corte\/2004\/tutelas-2004\/' title='Tutelas 2004' class='pt-cv-tax-tutelas-2004'>Tutelas 2004<\/a><\/div>\n<h4 class=\"pt-cv-title\"><a href=\"https:\/\/www.dmsjuridica.com\/buscador_20179478954\/corteconstitucionalcronologico202454587\/t-1248-04\/\" class=\"_self\" target=\"_self\" >T-1248-04<\/a><\/h4>\n<div class=\"pt-cv-content\">\u00a0 \u00a0 Sentencia T-1248\/04 \u00a0 ACCION DE TUTELA-Hecho superado por reubicaci\u00f3n de vivienda afectada por contaminaci\u00f3n \u00a0 CONCILIACION SOBRE DERECHOS FUNDAMENTALES-Improcedencia\/ALLANAMIENTO EN TUTELA-Acuerdo con el objeto de superar la violaci\u00f3n del derecho\/CONCILIACION SOBRE DERECHOS FUNDAMENTALES-Procedencia excepcional cuando el acuerdo no implica transacci\u00f3n del derecho \u00a0 Ciertamente, considerando que la acci\u00f3n de tutela fue concebida como un mecanismo de defensa de los derechos fundamentales y que el prop\u00f3sito de la misma es la expedici\u00f3n de la respectiva orden de protecci\u00f3n cuando se verifique su afectaci\u00f3n o amenaza, resultar\u00eda contradictorio con ese objetivo que tanto el juez como las partes puedan impulsar ...<br \/><div class=\"pt-cv-rmwrap\"><a href=\"https:\/\/www.dmsjuridica.com\/buscador_20179478954\/corteconstitucionalcronologico202454587\/t-1248-04\/\" class=\"_self pt-cv-readmore btn btn-success\" target=\"_self\">Ver Sentencia Completa...<\/a><\/div><\/div><\/div><\/div>\n<div class=\"col-md-12 col-sm-12 col-xs-12 pt-cv-content-item pt-cv-1-col\" ><div class='pt-cv-ifield'><a href=\"https:\/\/www.dmsjuridica.com\/buscador_20179478954\/corteconstitucionalcronologico202454587\/t-1247-04\/\" class=\"_self pt-cv-href-thumbnail pt-cv-thumb-default\" target=\"_self\" ><\/a>\n<div class=\"pt-cv-taxoterm above_title\"><a href='https:\/\/www.dmsjuridica.com\/buscador_20179478954\/corteconstitucionalcronologico202454587\/category\/buscar-en-toda-la-corte\/2004\/tutelas-2004\/' title='Tutelas 2004' class='pt-cv-tax-tutelas-2004'>Tutelas 2004<\/a><\/div>\n<h4 class=\"pt-cv-title\"><a href=\"https:\/\/www.dmsjuridica.com\/buscador_20179478954\/corteconstitucionalcronologico202454587\/t-1247-04\/\" class=\"_self\" target=\"_self\" >T-1247-04<\/a><\/h4>\n<div class=\"pt-cv-content\">\u00a0 \u00a0 Sentencia T-1247\/04 \u00a0 SECUESTRADO O DESAPARECIDO-Protecci\u00f3n por la jurisprudencia constitucional \u00a0 SECUESTRADO O DESAPARECIDO-Derecho de los beneficiarios a recibir el pago de salarios y prestaciones \u00a0 SECUESTRADO O DESAPARECIDO-Condiciones para que se de la continuidad en el pago de salarios \u00a0 Existe el derecho a la continuidad en el pago de salarios u honorarios a quien act\u00fae como curador del servidor p\u00fablico o trabajador particular secuestrado o desaparecido, hasta tanto se produzca su libertad. El Estado o el empleador particular, seg\u00fan el caso, tienen la obligaci\u00f3n de continuar pagando los salarios, sin perjuicio de que se pueda acudir ...<br \/><div class=\"pt-cv-rmwrap\"><a href=\"https:\/\/www.dmsjuridica.com\/buscador_20179478954\/corteconstitucionalcronologico202454587\/t-1247-04\/\" class=\"_self pt-cv-readmore btn btn-success\" target=\"_self\">Ver Sentencia Completa...<\/a><\/div><\/div><\/div><\/div>\n<div class=\"col-md-12 col-sm-12 col-xs-12 pt-cv-content-item pt-cv-1-col\" ><div class='pt-cv-ifield'><a href=\"https:\/\/www.dmsjuridica.com\/buscador_20179478954\/corteconstitucionalcronologico202454587\/t-1246-04\/\" class=\"_self pt-cv-href-thumbnail pt-cv-thumb-default\" target=\"_self\" ><\/a>\n<div class=\"pt-cv-taxoterm above_title\"><a href='https:\/\/www.dmsjuridica.com\/buscador_20179478954\/corteconstitucionalcronologico202454587\/category\/buscar-en-toda-la-corte\/2004\/tutelas-2004\/' title='Tutelas 2004' class='pt-cv-tax-tutelas-2004'>Tutelas 2004<\/a><\/div>\n<h4 class=\"pt-cv-title\"><a href=\"https:\/\/www.dmsjuridica.com\/buscador_20179478954\/corteconstitucionalcronologico202454587\/t-1246-04\/\" class=\"_self\" target=\"_self\" >T-1246-04<\/a><\/h4>\n<div class=\"pt-cv-content\">\u00a0 \u00a0 Sentencia T-1246\/04 \u00a0 AGENCIA OFICIOSA EN TUTELA-Sobrino en representaci\u00f3n de t\u00edo enfermo \u00a0 INAPLICACION DE NORMAS DEL PLAN OBLIGATORIO DE SALUD-Casos en que procede por exclusi\u00f3n de tratamientos y medicamentos de alto costo \u00a0 INAPLICACION DE NORMAS DEL PLAN OBLIGATORIO DE SALUD-Casos en que procede por exclusi\u00f3n de tratamientos y medicamentos de alto costo \u00a0 ENTIDAD PROMOTORA DE SALUD-Deber de proporcionar la atenci\u00f3n medica especializada y repetici\u00f3n contra el Fosyga \u00a0 Reiteraci\u00f3n de jurisprudencia \u00a0 Referencia: expediente T-1001396 \u00a0 Acci\u00f3n de tutela instaurada por Jelen Yamile Ayala Cuncanch\u00fan, en representaci\u00f3n de su t\u00edo Jos\u00e9 Rub\u00e9n Cuncanch\u00fan contra la ...<br \/><div class=\"pt-cv-rmwrap\"><a href=\"https:\/\/www.dmsjuridica.com\/buscador_20179478954\/corteconstitucionalcronologico202454587\/t-1246-04\/\" class=\"_self pt-cv-readmore btn btn-success\" target=\"_self\">Ver Sentencia Completa...<\/a><\/div><\/div><\/div><\/div>\n<div class=\"col-md-12 col-sm-12 col-xs-12 pt-cv-content-item pt-cv-1-col\" ><div class='pt-cv-ifield'><a href=\"https:\/\/www.dmsjuridica.com\/buscador_20179478954\/corteconstitucionalcronologico202454587\/t-1245-04\/\" class=\"_self pt-cv-href-thumbnail pt-cv-thumb-default\" target=\"_self\" ><\/a>\n<div class=\"pt-cv-taxoterm above_title\"><a href='https:\/\/www.dmsjuridica.com\/buscador_20179478954\/corteconstitucionalcronologico202454587\/category\/buscar-en-toda-la-corte\/2004\/tutelas-2004\/' title='Tutelas 2004' class='pt-cv-tax-tutelas-2004'>Tutelas 2004<\/a><\/div>\n<h4 class=\"pt-cv-title\"><a href=\"https:\/\/www.dmsjuridica.com\/buscador_20179478954\/corteconstitucionalcronologico202454587\/t-1245-04\/\" class=\"_self\" target=\"_self\" >T-1245-04<\/a><\/h4>\n<div class=\"pt-cv-content\">\u00a0 \u00a0 Sentencia T-1245\/04 \u00a0 INAPLICACION DE NORMAS DEL PLAN OBLIGATORIO DE SALUD-Casos en que procede por exclusi\u00f3n de tratamientos y medicamentos de alto costo \u00a0 ENTIDAD PROMOTORA DE SALUD-Autorizaci\u00f3n tratamiento de quimioterapia y repetici\u00f3n contra el Fosyga \u00a0 Reiteraci\u00f3n de jurisprudencia \u00a0 Referencia: expediente T-1009362 \u00a0 Acci\u00f3n de tutela instaurada por Luz Stella Garc\u00eda Calle, en representaci\u00f3n de su padre Francisco Luis Garc\u00eda Cardona contra el Hospital Universitario del Valle Evaristo Garc\u00eda E.S.E.1\u00a0 \u00a0 Magistrado Ponente: \u00a0 Dr. MANUEL JOS\u00c9 CEPEDA ESPINOSA \u00a0 La Sala Tercera de Revisi\u00f3n, integrada por los magistrados, Manuel Jos\u00e9 Cepeda Espinosa, Jaime C\u00f3rdoba Trivi\u00f1o ...<br \/><div class=\"pt-cv-rmwrap\"><a href=\"https:\/\/www.dmsjuridica.com\/buscador_20179478954\/corteconstitucionalcronologico202454587\/t-1245-04\/\" class=\"_self pt-cv-readmore btn btn-success\" target=\"_self\">Ver Sentencia Completa...<\/a><\/div><\/div><\/div><\/div>\n<div class=\"col-md-12 col-sm-12 col-xs-12 pt-cv-content-item pt-cv-1-col\" ><div class='pt-cv-ifield'><a href=\"https:\/\/www.dmsjuridica.com\/buscador_20179478954\/corteconstitucionalcronologico202454587\/t-1244-04\/\" class=\"_self pt-cv-href-thumbnail pt-cv-thumb-default\" target=\"_self\" ><\/a>\n<div class=\"pt-cv-taxoterm above_title\"><a href='https:\/\/www.dmsjuridica.com\/buscador_20179478954\/corteconstitucionalcronologico202454587\/category\/buscar-en-toda-la-corte\/2004\/tutelas-2004\/' title='Tutelas 2004' class='pt-cv-tax-tutelas-2004'>Tutelas 2004<\/a><\/div>\n<h4 class=\"pt-cv-title\"><a href=\"https:\/\/www.dmsjuridica.com\/buscador_20179478954\/corteconstitucionalcronologico202454587\/t-1244-04\/\" class=\"_self\" target=\"_self\" >T-1244-04<\/a><\/h4>\n<div class=\"pt-cv-content\">\u00a0 \u00a0 Sentencia T-1244\/04 \u00a0 ACCION DE TUTELA CONTRA PROVIDENCIAS JUDICIALES-Procedencia excepcional\/PRECEDENTE JUDICIAL-Obligatoriedad\/ACCION DE TUTELA CONTRA PROVIDENCIAS JUDICIALES-Causales de procedencia \u00a0 INDEXACION DE LA PRIMERA MESADA PENSIONAL-Amparo de derechos fundamentales \u00a0 PRINCIPIO DE INTERPRETACION MAS FAVORABLE EN MATERIA LABORAL \u00a0 Referencia: expediente T-920003 \u00a0 Acci\u00f3n de tutela instaurada por Carlos Adolfo Urquijo Casta\u00f1eda contra la Sala Laboral del Tribunal Superior del Distrito Judicial de Bogot\u00e1. \u00a0 Magistrado Ponente: \u00a0 Dr. MANUEL JOS\u00c9 CEPEDA ESPINOSA \u00a0 Bogot\u00e1 D.C., diez (10) de diciembre de dos mil cuatro (2004). \u00a0 La Sala Tercera de Revisi\u00f3n de la Corte Constitucional, integrada por los Magistrados ...<br \/><div class=\"pt-cv-rmwrap\"><a href=\"https:\/\/www.dmsjuridica.com\/buscador_20179478954\/corteconstitucionalcronologico202454587\/t-1244-04\/\" class=\"_self pt-cv-readmore btn btn-success\" target=\"_self\">Ver Sentencia Completa...<\/a><\/div><\/div><\/div><\/div>\n<div class=\"col-md-12 col-sm-12 col-xs-12 pt-cv-content-item pt-cv-1-col\" ><div class='pt-cv-ifield'><a href=\"https:\/\/www.dmsjuridica.com\/buscador_20179478954\/corteconstitucionalcronologico202454587\/t-1243-04\/\" class=\"_self pt-cv-href-thumbnail pt-cv-thumb-default\" target=\"_self\" ><\/a>\n<div class=\"pt-cv-taxoterm above_title\"><a href='https:\/\/www.dmsjuridica.com\/buscador_20179478954\/corteconstitucionalcronologico202454587\/category\/buscar-en-toda-la-corte\/2004\/tutelas-2004\/' title='Tutelas 2004' class='pt-cv-tax-tutelas-2004'>Tutelas 2004<\/a><\/div>\n<h4 class=\"pt-cv-title\"><a href=\"https:\/\/www.dmsjuridica.com\/buscador_20179478954\/corteconstitucionalcronologico202454587\/t-1243-04\/\" class=\"_self\" target=\"_self\" >T-1243-04<\/a><\/h4>\n<div class=\"pt-cv-content\">\u00a0 \u00a0 Sentencia T-1243\/04 \u00a0 VIA DE HECHO EN PROCESO EJECUTIVO HIPOTECARIO \u00a0 Reiteraci\u00f3n de Jurisprudencia \u00a0 Referencia: expediente T-939593 \u00a0 Acci\u00f3n de tutela instaurada por Isabel Sarmiento de Rodr\u00edguez contra el Juzgado Cuarto Civil del Circuito de Bucaramanga\u00a0 \u00a0 Magistrado Ponente: \u00a0 Dr. MANUEL JOS\u00c9 CEPEDA ESPINOSA \u00a0 Bogot\u00e1, D.C., diez (10) de diciembre de dos mil cuatro (2004). \u00a0 La Sala Tercera de Revisi\u00f3n de la Corte Constitucional, integrada por los Magistrados Manuel Jos\u00e9 Cepeda Espinosa, Jaime C\u00f3rdoba Trivi\u00f1o y Rodrigo Escobar Gil, en ejercicio de sus competencias constitucionales y legales, ha proferido la siguiente \u00a0 SENTENCIA \u00a0 ...<br \/><div class=\"pt-cv-rmwrap\"><a href=\"https:\/\/www.dmsjuridica.com\/buscador_20179478954\/corteconstitucionalcronologico202454587\/t-1243-04\/\" class=\"_self pt-cv-readmore btn btn-success\" target=\"_self\">Ver Sentencia Completa...<\/a><\/div><\/div><\/div><\/div>\n<div class=\"col-md-12 col-sm-12 col-xs-12 pt-cv-content-item pt-cv-1-col\" ><div class='pt-cv-ifield'><a href=\"https:\/\/www.dmsjuridica.com\/buscador_20179478954\/corteconstitucionalcronologico202454587\/t-1242-04\/\" class=\"_self pt-cv-href-thumbnail pt-cv-thumb-default\" target=\"_self\" ><\/a>\n<div class=\"pt-cv-taxoterm above_title\"><a href='https:\/\/www.dmsjuridica.com\/buscador_20179478954\/corteconstitucionalcronologico202454587\/category\/buscar-en-toda-la-corte\/2004\/tutelas-2004\/' title='Tutelas 2004' class='pt-cv-tax-tutelas-2004'>Tutelas 2004<\/a><\/div>\n<h4 class=\"pt-cv-title\"><a href=\"https:\/\/www.dmsjuridica.com\/buscador_20179478954\/corteconstitucionalcronologico202454587\/t-1242-04\/\" class=\"_self\" target=\"_self\" >T-1242-04<\/a><\/h4>\n<div class=\"pt-cv-content\">\u00a0 \u00a0 Sentencia T-1242\/04 \u00a0 PENSION DE SOBREVIVIENTES-Beneficiario estudiante debe presentar certificado expedido por establecimiento de educaci\u00f3n formal \u00a0 DERECHO A LA EDUCACION-Protecci\u00f3n frente a todos los \u00e1mbitos del sistema educativo\/EDUCACION NO FORMAL-Componente del sistema educativo \u00a0 EDUCACION NO FORMAL-Finalidad \u00a0 PENSION DE SOBREVIVIENTES-Calidad de estudiante no puede predicarse solo de estudiantes matriculados en instituciones de educaci\u00f3n formal \u00a0 DERECHO AL LIBRE DESARROLLO DE LA PERSONALIDAD-Vulneraci\u00f3n al imponer al educando matricularse en instituci\u00f3n de educaci\u00f3n formal para acceder a pensi\u00f3n de sobrevivientes \u00a0 Reiteraci\u00f3n de Jurisprudencia \u00a0 Referencia: expediente T-945190 \u00a0 Peticionario: Omar Alberto Restrepo Rinc\u00f3n\u00a0 \u00a0 Demandado: Grupo Interno ...<br \/><div class=\"pt-cv-rmwrap\"><a href=\"https:\/\/www.dmsjuridica.com\/buscador_20179478954\/corteconstitucionalcronologico202454587\/t-1242-04\/\" class=\"_self pt-cv-readmore btn btn-success\" target=\"_self\">Ver Sentencia Completa...<\/a><\/div><\/div><\/div><\/div>\n<div class=\"col-md-12 col-sm-12 col-xs-12 pt-cv-content-item pt-cv-1-col\" ><div class='pt-cv-ifield'><a href=\"https:\/\/www.dmsjuridica.com\/buscador_20179478954\/corteconstitucionalcronologico202454587\/t-1241-04\/\" class=\"_self pt-cv-href-thumbnail pt-cv-thumb-default\" target=\"_self\" ><\/a>\n<div class=\"pt-cv-taxoterm above_title\"><a href='https:\/\/www.dmsjuridica.com\/buscador_20179478954\/corteconstitucionalcronologico202454587\/category\/buscar-en-toda-la-corte\/2004\/tutelas-2004\/' title='Tutelas 2004' class='pt-cv-tax-tutelas-2004'>Tutelas 2004<\/a><\/div>\n<h4 class=\"pt-cv-title\"><a href=\"https:\/\/www.dmsjuridica.com\/buscador_20179478954\/corteconstitucionalcronologico202454587\/t-1241-04\/\" class=\"_self\" target=\"_self\" >T-1241-04<\/a><\/h4>\n<div class=\"pt-cv-content\">\u00a0 \u00a0 Sentencia T-1241\/04 \u00a0 DERECHO DE PETICION-Fundamental\/DERECHO DE PETICION-Alcance \u00a0 DERECHO DE PETICION-Falta de competencia de la entidad ante quien se solicita la informaci\u00f3n no la exonera de contestar \u00a0 DERECHO DE PETICION EN MATERIA PENSIONAL-T\u00e9rmino de quince d\u00edas para informar estado del tr\u00e1mite o copias de documentos \u00a0 DERECHO DE PETICION PARA RESOLVER SOLICITUD DE PENSIONES-T\u00e9rmino de cuatro meses\/DERECHO DE PETICION PARA RECONOCIMIENTO Y PAGO DE PENSIONES-T\u00e9rmino de seis meses \u00a0 Referencia: expediente T-964629 \u00a0 Accionante: Enid V\u00e1squez Charris \u00a0 Demandado: Cajanal \u00a0 Magistrado Ponente:\u00a0 \u00a0 Dr. RODRIGO ESCOBAR GIL \u00a0 Bogot\u00e1, D.C., nueve (9) de diciembre de ...<br \/><div class=\"pt-cv-rmwrap\"><a href=\"https:\/\/www.dmsjuridica.com\/buscador_20179478954\/corteconstitucionalcronologico202454587\/t-1241-04\/\" class=\"_self pt-cv-readmore btn btn-success\" target=\"_self\">Ver Sentencia Completa...<\/a><\/div><\/div><\/div><\/div>\n<div class=\"col-md-12 col-sm-12 col-xs-12 pt-cv-content-item pt-cv-1-col\" ><div class='pt-cv-ifield'><a href=\"https:\/\/www.dmsjuridica.com\/buscador_20179478954\/corteconstitucionalcronologico202454587\/t-1240-04\/\" class=\"_self pt-cv-href-thumbnail pt-cv-thumb-default\" target=\"_self\" ><\/a>\n<div class=\"pt-cv-taxoterm above_title\"><a href='https:\/\/www.dmsjuridica.com\/buscador_20179478954\/corteconstitucionalcronologico202454587\/category\/buscar-en-toda-la-corte\/2004\/tutelas-2004\/' title='Tutelas 2004' class='pt-cv-tax-tutelas-2004'>Tutelas 2004<\/a><\/div>\n<h4 class=\"pt-cv-title\"><a href=\"https:\/\/www.dmsjuridica.com\/buscador_20179478954\/corteconstitucionalcronologico202454587\/t-1240-04\/\" class=\"_self\" target=\"_self\" >T-1240-04<\/a><\/h4>\n<div class=\"pt-cv-content\">\u00a0 \u00a0 Sentencia T-1240\/04\u00a0 \u00a0 INSUBSISTENCIA EN CARGO EN PROVISIONALIDAD-Procedencia de tutela\/DEBIDO PROCESO-Motivaci\u00f3n insubsistencia cargo de carrera de empleado en provisionalidad \u00a0 DEBIDO PROCESO ADMINISTRATIVO-Vulneraci\u00f3n por no motivaci\u00f3n de acto de retiro del servicio \u00a0 Referencia: expediente T-929389 \u00a0 Accionante: Fiscal Luz Milady \u00a0 Demandado: Alcald\u00eda Municipal de Riosucio, Caldas\u00a0 \u00a0 Magistrado Ponente:\u00a0 \u00a0 Dr. RODRIGO ESCOBAR GIL \u00a0 Bogot\u00e1, D.C., nueve (9) de diciembre de dos mil cuatro (2004). \u00a0 La Sala Quinta de Revisi\u00f3n de la Corte Constitucional, integrada por los Magistrados Rodrigo Escobar Gil, Marco Gerardo Monroy Cabra y Humberto Sierra Porto, en ejercicio de sus competencias ...<br \/><div class=\"pt-cv-rmwrap\"><a href=\"https:\/\/www.dmsjuridica.com\/buscador_20179478954\/corteconstitucionalcronologico202454587\/t-1240-04\/\" class=\"_self pt-cv-readmore btn btn-success\" target=\"_self\">Ver Sentencia Completa...<\/a><\/div><\/div><\/div><\/div>\n<div class=\"col-md-12 col-sm-12 col-xs-12 pt-cv-content-item pt-cv-1-col\" ><div class='pt-cv-ifield'><a href=\"https:\/\/www.dmsjuridica.com\/buscador_20179478954\/corteconstitucionalcronologico202454587\/t-1239-04\/\" class=\"_self pt-cv-href-thumbnail pt-cv-thumb-default\" target=\"_self\" ><\/a>\n<div class=\"pt-cv-taxoterm above_title\"><a href='https:\/\/www.dmsjuridica.com\/buscador_20179478954\/corteconstitucionalcronologico202454587\/category\/buscar-en-toda-la-corte\/2004\/tutelas-2004\/' title='Tutelas 2004' class='pt-cv-tax-tutelas-2004'>Tutelas 2004<\/a><\/div>\n<h4 class=\"pt-cv-title\"><a href=\"https:\/\/www.dmsjuridica.com\/buscador_20179478954\/corteconstitucionalcronologico202454587\/t-1239-04\/\" class=\"_self\" target=\"_self\" >T-1239-04<\/a><\/h4>\n<div class=\"pt-cv-content\">\u00a0 \u00a0 Sentencia T-1239\/04 \u00a0 DERECHO A LA SALUD-Fundamental por conexidad \u00a0 DERECHO A LA SALUD DEL INTERNO-Preservaci\u00f3n por el Estado\/DERECHO A LA SALUD DEL INTERNO-Atenci\u00f3n m\u00e9dica adecuada, digna y oportuna \u00a0 Bajo este contexto, la garant\u00eda de los derechos a la salud, vida e integridad f\u00edsica de los internos inmersos en circunstancias de indefensi\u00f3n y debilidad manifiesta, se concreta en la prestaci\u00f3n gratuita y obligatoria de los servicios m\u00e9dicos que requieran, conforme lo ha sostenido en diversas sentencias esta Corporaci\u00f3n. Adem\u00e1s de esta protecci\u00f3n a nivel constitucional, el legislador ha establecido la obligaci\u00f3n en cabeza de los centros de ...<br \/><div class=\"pt-cv-rmwrap\"><a href=\"https:\/\/www.dmsjuridica.com\/buscador_20179478954\/corteconstitucionalcronologico202454587\/t-1239-04\/\" class=\"_self pt-cv-readmore btn btn-success\" target=\"_self\">Ver Sentencia Completa...<\/a><\/div><\/div><\/div><\/div>\n<div class=\"col-md-12 col-sm-12 col-xs-12 pt-cv-content-item pt-cv-1-col\" ><div class='pt-cv-ifield'><a href=\"https:\/\/www.dmsjuridica.com\/buscador_20179478954\/corteconstitucionalcronologico202454587\/t-1238-04\/\" class=\"_self pt-cv-href-thumbnail pt-cv-thumb-default\" target=\"_self\" ><\/a>\n<div class=\"pt-cv-taxoterm above_title\"><a href='https:\/\/www.dmsjuridica.com\/buscador_20179478954\/corteconstitucionalcronologico202454587\/category\/buscar-en-toda-la-corte\/2004\/tutelas-2004\/' title='Tutelas 2004' class='pt-cv-tax-tutelas-2004'>Tutelas 2004<\/a><\/div>\n<h4 class=\"pt-cv-title\"><a href=\"https:\/\/www.dmsjuridica.com\/buscador_20179478954\/corteconstitucionalcronologico202454587\/t-1238-04\/\" class=\"_self\" target=\"_self\" >T-1238-04<\/a><\/h4>\n<div class=\"pt-cv-content\">\u00a0 \u00a0 Sentencia T-1238\/04\u00a0 \u00a0 ACCION DE TUTELA CONTRA PROVIDENCIAS JUDICIALES-Procedencia excepcional\/ACCION DE TUTELA CONTRA PROVIDENCIAS JUDICIALES-Causales de procedencia \u00a0 FUERO INDIGENA-Concepto \u00a0 FUERO INDIGENA-Elementos \u00a0 El fuero ind\u00edgena comprende dos elementos esenciales, el personal \u201ccon el que se pretende se\u00f1alar que el individuo debe ser juzgado de acuerdo con las normas y las autoridades de su propia comunidad\u201d y el territorial \u201cque permite que cada comunidad pueda juzgar las conductas que tengan ocurrencia dentro de su territorio, de acuerdo con sus propias normas\u201d. De acuerdo con la jurisprudencia, para establecer el fuero es necesario tener en cuenta tambi\u00e9n el ...<br \/><div class=\"pt-cv-rmwrap\"><a href=\"https:\/\/www.dmsjuridica.com\/buscador_20179478954\/corteconstitucionalcronologico202454587\/t-1238-04\/\" class=\"_self pt-cv-readmore btn btn-success\" target=\"_self\">Ver Sentencia Completa...<\/a><\/div><\/div><\/div><\/div>\n<div class=\"col-md-12 col-sm-12 col-xs-12 pt-cv-content-item pt-cv-1-col\" ><div class='pt-cv-ifield'><a href=\"https:\/\/www.dmsjuridica.com\/buscador_20179478954\/corteconstitucionalcronologico202454587\/t-1237-04\/\" class=\"_self pt-cv-href-thumbnail pt-cv-thumb-default\" target=\"_self\" ><\/a>\n<div class=\"pt-cv-taxoterm above_title\"><a href='https:\/\/www.dmsjuridica.com\/buscador_20179478954\/corteconstitucionalcronologico202454587\/category\/buscar-en-toda-la-corte\/2004\/tutelas-2004\/' title='Tutelas 2004' class='pt-cv-tax-tutelas-2004'>Tutelas 2004<\/a><\/div>\n<h4 class=\"pt-cv-title\"><a href=\"https:\/\/www.dmsjuridica.com\/buscador_20179478954\/corteconstitucionalcronologico202454587\/t-1237-04\/\" class=\"_self\" target=\"_self\" >T-1237-04<\/a><\/h4>\n<div class=\"pt-cv-content\">\u00a0 \u00a0 Sentencia T-1237\/04 \u00a0 ACCION DE PERSONA JURIDICA PUBLICA-Titular de derechos fundamentales\/LEGITIMACION EN LA CAUSA POR ACTIVA-Representante legal de persona jur\u00eddica \u00a0 ACCION DE TUTELA CONTRA PROVIDENCIAS JUDICIALES-Procedencia excepcional \u00a0 El car\u00e1cter excepcional de la acci\u00f3n de tutela frente a la actividad jurisdiccional, tal y como se manifest\u00f3 en la sentencia T-200 de 2004, encuentra su sustento en una interpretaci\u00f3n arm\u00f3nica de la funci\u00f3n del amparo constitucional, con los principios, derechos y garant\u00edas consagrados en la Constituci\u00f3n, de forma particular, con lo dispuesto en el art\u00edculo 2\u00ba Superior, que impone la obligaci\u00f3n de garantizar la efectividad de los mismos ...<br \/><div class=\"pt-cv-rmwrap\"><a href=\"https:\/\/www.dmsjuridica.com\/buscador_20179478954\/corteconstitucionalcronologico202454587\/t-1237-04\/\" class=\"_self pt-cv-readmore btn btn-success\" target=\"_self\">Ver Sentencia Completa...<\/a><\/div><\/div><\/div><\/div>\n<div class=\"col-md-12 col-sm-12 col-xs-12 pt-cv-content-item pt-cv-1-col\" ><div class='pt-cv-ifield'><a href=\"https:\/\/www.dmsjuridica.com\/buscador_20179478954\/corteconstitucionalcronologico202454587\/t-1236-04\/\" class=\"_self pt-cv-href-thumbnail pt-cv-thumb-default\" target=\"_self\" ><\/a>\n<div class=\"pt-cv-taxoterm above_title\"><a href='https:\/\/www.dmsjuridica.com\/buscador_20179478954\/corteconstitucionalcronologico202454587\/category\/buscar-en-toda-la-corte\/2004\/tutelas-2004\/' title='Tutelas 2004' class='pt-cv-tax-tutelas-2004'>Tutelas 2004<\/a><\/div>\n<h4 class=\"pt-cv-title\"><a href=\"https:\/\/www.dmsjuridica.com\/buscador_20179478954\/corteconstitucionalcronologico202454587\/t-1236-04\/\" class=\"_self\" target=\"_self\" >T-1236-04<\/a><\/h4>\n<div class=\"pt-cv-content\">\u00a0 \u00a0 Sentencia T-1236\/04 \u00a0 MUJER EMBARAZADA-Protecci\u00f3n constitucional especial \u00a0 DERECHOS FUNDAMENTALES DE MUJER EMBARAZADA-Normas internacionales de protecci\u00f3n\u00a0 \u00a0 DERECHO A LA ESTABILIDAD LABORAL REFORZADA DE MUJER EMBARAZADA-Protecci\u00f3n constitucional especial \u00a0 DERECHO A LA ESTABILIDAD LABORAL REFORZADA DE MUJER EMBARAZADA-Elementos f\u00e1cticos que deben demostrarse \u00a0 PRINCIPIO DE ESTABILIDAD EN EL EMPLEO DE MUJER EMBARAZADA-Renovaci\u00f3n contrato a t\u00e9rmino fijo \u00a0 As\u00ed, a pesar de que por la naturaleza jur\u00eddica de los contratos a t\u00e9rmino se prev\u00e9 una terminaci\u00f3n cierta que normalmente mermar\u00eda el alcance de la estabilidad del empleado, cuando se trata de una mujer trabajadora en embarazo se debe aplicar ...<br \/><div class=\"pt-cv-rmwrap\"><a href=\"https:\/\/www.dmsjuridica.com\/buscador_20179478954\/corteconstitucionalcronologico202454587\/t-1236-04\/\" class=\"_self pt-cv-readmore btn btn-success\" target=\"_self\">Ver Sentencia Completa...<\/a><\/div><\/div><\/div><\/div>\n<div class=\"col-md-12 col-sm-12 col-xs-12 pt-cv-content-item pt-cv-1-col\" ><div class='pt-cv-ifield'><a href=\"https:\/\/www.dmsjuridica.com\/buscador_20179478954\/corteconstitucionalcronologico202454587\/t-1235-04\/\" class=\"_self pt-cv-href-thumbnail pt-cv-thumb-default\" target=\"_self\" ><\/a>\n<div class=\"pt-cv-taxoterm above_title\"><a href='https:\/\/www.dmsjuridica.com\/buscador_20179478954\/corteconstitucionalcronologico202454587\/category\/buscar-en-toda-la-corte\/2004\/tutelas-2004\/' title='Tutelas 2004' class='pt-cv-tax-tutelas-2004'>Tutelas 2004<\/a><\/div>\n<h4 class=\"pt-cv-title\"><a href=\"https:\/\/www.dmsjuridica.com\/buscador_20179478954\/corteconstitucionalcronologico202454587\/t-1235-04\/\" class=\"_self\" target=\"_self\" >T-1235-04<\/a><\/h4>\n<div class=\"pt-cv-content\">\u00a0 \u00a0 Sentencia T-1235\/04 \u00a0 ACCION DE TUTELA-Procedencia excepcional pago de acreencias laborales \u00a0 En reiteradas ocasiones, esta Corporaci\u00f3n, refiri\u00e9ndose al contenido y alcance del art\u00edculo 86 de la Constituci\u00f3n, ha establecido que la acci\u00f3n de tutela es un mecanismo judicial de car\u00e1cter subsidiario y residual, lo que significa que no procede cuando la persona cuenta con otros mecanismos judiciales para su defensa. \u00a0 \u00a0 DERECHO AL MINIMO VITAL DEL PENSIONADO-Presunci\u00f3n de afectaci\u00f3n por ausencia prolongada en pago de mesadas \u00a0 DERECHO AL MINIMO VITAL DEL PENSIONADO-No afectaci\u00f3n \u00a0en el caso concreto \u00a0 DERECHO DE PETICION EN MATERIA PENSIONAL-Vulneraci\u00f3n por ...<br \/><div class=\"pt-cv-rmwrap\"><a href=\"https:\/\/www.dmsjuridica.com\/buscador_20179478954\/corteconstitucionalcronologico202454587\/t-1235-04\/\" class=\"_self pt-cv-readmore btn btn-success\" target=\"_self\">Ver Sentencia Completa...<\/a><\/div><\/div><\/div><\/div>\n<div class=\"col-md-12 col-sm-12 col-xs-12 pt-cv-content-item pt-cv-1-col\" ><div class='pt-cv-ifield'><a href=\"https:\/\/www.dmsjuridica.com\/buscador_20179478954\/corteconstitucionalcronologico202454587\/t-1234-04\/\" class=\"_self pt-cv-href-thumbnail pt-cv-thumb-default\" target=\"_self\" ><\/a>\n<div class=\"pt-cv-taxoterm above_title\"><a href='https:\/\/www.dmsjuridica.com\/buscador_20179478954\/corteconstitucionalcronologico202454587\/category\/buscar-en-toda-la-corte\/2004\/tutelas-2004\/' title='Tutelas 2004' class='pt-cv-tax-tutelas-2004'>Tutelas 2004<\/a><\/div>\n<h4 class=\"pt-cv-title\"><a href=\"https:\/\/www.dmsjuridica.com\/buscador_20179478954\/corteconstitucionalcronologico202454587\/t-1234-04\/\" class=\"_self\" target=\"_self\" >T-1234-04<\/a><\/h4>\n<div class=\"pt-cv-content\">\u00a0 \u00a0 Sentencia T-1234\/04 \u00a0 DERECHO A LA SALUD DEL ENFERMO DE SIDA-Fundamental \u00a0 La protecci\u00f3n del derecho a la salud es reforzada, debido a las dificultades que pueden enfrentar para llevar una vida en condiciones normales. En tal sentido, se ha se\u00f1alado que los portadores de VIH y enfermos de SIDA tienen derecho a una atenci\u00f3n m\u00e9dica integral, lo cual se garantiza con el suministro de la totalidad del tratamiento ordenado por el m\u00e9dico tratante. \u00a0As\u00ed mismo, ha considerado que quien padece esta enfermedad y no tiene capacidad de pago se encuentra en una situaci\u00f3n de debilidad manifiesta, raz\u00f3n ...<br \/><div class=\"pt-cv-rmwrap\"><a href=\"https:\/\/www.dmsjuridica.com\/buscador_20179478954\/corteconstitucionalcronologico202454587\/t-1234-04\/\" class=\"_self pt-cv-readmore btn btn-success\" target=\"_self\">Ver Sentencia Completa...<\/a><\/div><\/div><\/div><\/div>\n<div class=\"col-md-12 col-sm-12 col-xs-12 pt-cv-content-item pt-cv-1-col\" ><div class='pt-cv-ifield'><a href=\"https:\/\/www.dmsjuridica.com\/buscador_20179478954\/corteconstitucionalcronologico202454587\/t-1233-04\/\" class=\"_self pt-cv-href-thumbnail pt-cv-thumb-default\" target=\"_self\" ><\/a>\n<div class=\"pt-cv-taxoterm above_title\"><a href='https:\/\/www.dmsjuridica.com\/buscador_20179478954\/corteconstitucionalcronologico202454587\/category\/buscar-en-toda-la-corte\/2004\/tutelas-2004\/' title='Tutelas 2004' class='pt-cv-tax-tutelas-2004'>Tutelas 2004<\/a><\/div>\n<h4 class=\"pt-cv-title\"><a href=\"https:\/\/www.dmsjuridica.com\/buscador_20179478954\/corteconstitucionalcronologico202454587\/t-1233-04\/\" class=\"_self\" target=\"_self\" >T-1233-04<\/a><\/h4>\n<div class=\"pt-cv-content\">\u00a0 \u00a0 Sentencia T-1233\/04 \u00a0 DERECHOS FUNDAMENTALES DEL NI\u00d1O-Protecci\u00f3n constitucional especial \u00a0 DERECHO A LA SALUD DEL MENOR-Condiciones para suministro de medicamento excluido del POS \u00a0 PRINCIPIO DE IGUALDAD Y PRINCIPIO DE SOLIDARIDAD EN SALUD\/PRINCIPIO DE EQUIDAD EN SALUD-Es necesario para garantizar accesibilidad econ\u00f3mica \u00a0 PRINCIPIO DE PROPORCIONALIDAD EN SALUD\/PRINCIPIO DE CARGAS SOPORTABLES E INCAPACIDAD ECONOMICA\u00a0 \u00a0 CAPACIDAD ECONOMICA EN CASOS DE SALUD Y JUEZ DE TUTELA-Debe probarse la incapacidad de pago \u00a0 Referencia: expediente T-921811 \u00a0 Acci\u00f3n de Tutela instaurada por Elvira Isabel Redondo Guarnizo, contra la EPS Salud Colmena (hoy Colm\u00e9dica EPS) \u00a0 Magistrada Ponente: \u00a0 Dra. CLARA ...<br \/><div class=\"pt-cv-rmwrap\"><a href=\"https:\/\/www.dmsjuridica.com\/buscador_20179478954\/corteconstitucionalcronologico202454587\/t-1233-04\/\" class=\"_self pt-cv-readmore btn btn-success\" target=\"_self\">Ver Sentencia Completa...<\/a><\/div><\/div><\/div><\/div>\n<div class=\"col-md-12 col-sm-12 col-xs-12 pt-cv-content-item pt-cv-1-col\" ><div class='pt-cv-ifield'><a href=\"https:\/\/www.dmsjuridica.com\/buscador_20179478954\/corteconstitucionalcronologico202454587\/t-1232-04\/\" class=\"_self pt-cv-href-thumbnail pt-cv-thumb-default\" target=\"_self\" ><\/a>\n<div class=\"pt-cv-taxoterm above_title\"><a href='https:\/\/www.dmsjuridica.com\/buscador_20179478954\/corteconstitucionalcronologico202454587\/category\/buscar-en-toda-la-corte\/2004\/tutelas-2004\/' title='Tutelas 2004' class='pt-cv-tax-tutelas-2004'>Tutelas 2004<\/a><\/div>\n<h4 class=\"pt-cv-title\"><a href=\"https:\/\/www.dmsjuridica.com\/buscador_20179478954\/corteconstitucionalcronologico202454587\/t-1232-04\/\" class=\"_self\" target=\"_self\" >T-1232-04<\/a><\/h4>\n<div class=\"pt-cv-content\">\u00a0 \u00a0 Sentencia T-1232\/04 \u00a0 LEGITIMACION POR ACTIVA EN TUTELA-No puede alegarse vulneraci\u00f3n de los propios derechos con base en los de otro\/LEGITIMACION POR ACTIVA EN TUTELA-No puede alegarse vulneraci\u00f3n de derechos fundamentales por una v\u00eda de hecho de quien intervino en el proceso\u00a0 \u00a0 No puede alegarse que la vulneraci\u00f3n de los propios derechos fundamentales tiene como fundamento la vulneraci\u00f3n de los derechos fundamentales de un tercero, que en el caso de los procesos judiciales, ser\u00edan los de aquellos que se hicieron parte en \u00e9ste. Estima la Sala que para considerar que una providencia judicial ha vulnerado un derecho ...<br \/><div class=\"pt-cv-rmwrap\"><a href=\"https:\/\/www.dmsjuridica.com\/buscador_20179478954\/corteconstitucionalcronologico202454587\/t-1232-04\/\" class=\"_self pt-cv-readmore btn btn-success\" target=\"_self\">Ver Sentencia Completa...<\/a><\/div><\/div><\/div><\/div>\n<div class=\"col-md-12 col-sm-12 col-xs-12 pt-cv-content-item pt-cv-1-col\" ><div class='pt-cv-ifield'><a href=\"https:\/\/www.dmsjuridica.com\/buscador_20179478954\/corteconstitucionalcronologico202454587\/t-1231-04\/\" class=\"_self pt-cv-href-thumbnail pt-cv-thumb-default\" target=\"_self\" ><\/a>\n<div class=\"pt-cv-taxoterm above_title\"><a href='https:\/\/www.dmsjuridica.com\/buscador_20179478954\/corteconstitucionalcronologico202454587\/category\/buscar-en-toda-la-corte\/2004\/tutelas-2004\/' title='Tutelas 2004' class='pt-cv-tax-tutelas-2004'>Tutelas 2004<\/a><\/div>\n<h4 class=\"pt-cv-title\"><a href=\"https:\/\/www.dmsjuridica.com\/buscador_20179478954\/corteconstitucionalcronologico202454587\/t-1231-04\/\" class=\"_self\" target=\"_self\" >T-1231-04<\/a><\/h4>\n<div class=\"pt-cv-content\">\u00a0 \u00a0 Sentencia T-1231\/04 \u00a0 AGENCIA OFICIOSA EN TUTELA-Hija en representaci\u00f3n de madre enferma \u00a0 DERECHO A LA SALUD-Fundamental por conexidad \u00a0 DERECHO A LA SALUD-Fundamental aut\u00f3nomo en adultos mayores \u00a0 PERSONA DE LA TERCERA EDAD-Protecci\u00f3n especial por encontrarse en circunstancias de debilidad manifiesta \u00a0 Referencia: expediente T-974713 \u00a0 Acci\u00f3n de tutela instaurada por Lus Dary de Ossa Arango actuando como agente oficiosa de su madre, Mar\u00eda Concepci\u00f3n Arango de De Ossa contra el Seguro Social E.P.S. \u00a0 Magistrado Ponente:\u00a0 \u00a0 Dr. ALVARO TAFUR GALVIS \u00a0 Bogot\u00e1, D.C., nueve (9) de diciembre de dos mil cuatro (2004). \u00a0 La Sala ...<br \/><div class=\"pt-cv-rmwrap\"><a href=\"https:\/\/www.dmsjuridica.com\/buscador_20179478954\/corteconstitucionalcronologico202454587\/t-1231-04\/\" class=\"_self pt-cv-readmore btn btn-success\" target=\"_self\">Ver Sentencia Completa...<\/a><\/div><\/div><\/div><\/div>\n<div class=\"col-md-12 col-sm-12 col-xs-12 pt-cv-content-item pt-cv-1-col\" ><div class='pt-cv-ifield'><a href=\"https:\/\/www.dmsjuridica.com\/buscador_20179478954\/corteconstitucionalcronologico202454587\/t-1230-04\/\" class=\"_self pt-cv-href-thumbnail pt-cv-thumb-default\" target=\"_self\" ><\/a>\n<div class=\"pt-cv-taxoterm above_title\"><a href='https:\/\/www.dmsjuridica.com\/buscador_20179478954\/corteconstitucionalcronologico202454587\/category\/buscar-en-toda-la-corte\/2004\/tutelas-2004\/' title='Tutelas 2004' class='pt-cv-tax-tutelas-2004'>Tutelas 2004<\/a><\/div>\n<h4 class=\"pt-cv-title\"><a href=\"https:\/\/www.dmsjuridica.com\/buscador_20179478954\/corteconstitucionalcronologico202454587\/t-1230-04\/\" class=\"_self\" target=\"_self\" >T-1230-04<\/a><\/h4>\n<div class=\"pt-cv-content\">\u00a0 \u00a0 Sentencia T-1230\/04 \u00a0 ACCION DE TUTELA-Improcedencia para revivir debates procesales debidamente concluidos\/ACCION DE TUTELA TEMERARIA-Improcedente \u00a0 DERECHO A LA SEGURIDAD SOCIAL-Fundamental por conexidad \u00a0 DERECHO A LA SEGURIDAD SOCIAL DE PERSONA DE LA TERCERA EDAD-Aplicaci\u00f3n inmediata \u00a0 BONOS PENSIONALES-Demora en emisi\u00f3n afecta derechos fundamentales \u00a0 Referencia: expediente T-899467 \u00a0 Acci\u00f3n de tutela instaurada por Eliseo \u00c1ngel Renter\u00eda Renter\u00eda contra el Seguro Social, Ministerio de Hacienda y Ministerio de Defensa. \u00a0 Magistrado Ponente: \u00a0 Dr. ALVARO TAFUR GALVIS \u00a0 La Sala Octava de Revisi\u00f3n de la Corte Constitucional, integrada por los magistrados Clara In\u00e9s Vargas Hern\u00e1ndez, Alvaro Tafur Galvis ...<br \/><div class=\"pt-cv-rmwrap\"><a href=\"https:\/\/www.dmsjuridica.com\/buscador_20179478954\/corteconstitucionalcronologico202454587\/t-1230-04\/\" class=\"_self pt-cv-readmore btn btn-success\" target=\"_self\">Ver Sentencia Completa...<\/a><\/div><\/div><\/div><\/div>\n<div class=\"col-md-12 col-sm-12 col-xs-12 pt-cv-content-item pt-cv-1-col\" ><div class='pt-cv-ifield'><a href=\"https:\/\/www.dmsjuridica.com\/buscador_20179478954\/corteconstitucionalcronologico202454587\/t-1229-04\/\" class=\"_self pt-cv-href-thumbnail pt-cv-thumb-default\" target=\"_self\" ><\/a>\n<div class=\"pt-cv-taxoterm above_title\"><a href='https:\/\/www.dmsjuridica.com\/buscador_20179478954\/corteconstitucionalcronologico202454587\/category\/buscar-en-toda-la-corte\/2004\/tutelas-2004\/' title='Tutelas 2004' class='pt-cv-tax-tutelas-2004'>Tutelas 2004<\/a><\/div>\n<h4 class=\"pt-cv-title\"><a href=\"https:\/\/www.dmsjuridica.com\/buscador_20179478954\/corteconstitucionalcronologico202454587\/t-1229-04\/\" class=\"_self\" target=\"_self\" >T-1229-04<\/a><\/h4>\n<div class=\"pt-cv-content\">\u00a0 \u00a0 Sentencia T-1229\/04 \u00a0 ACCION DE TUTELA-Procedencia excepcional pago de acreencias laborales incluyendo honorarios \u00a0 DERECHO AL MINIMO VITAL DEL TRABAJADOR-Presunci\u00f3n de afectaci\u00f3n por ausencia prolongada en pago de salarios \u00a0 MADRE CABEZA DE FAMILIA-Protecci\u00f3n especial \u00a0 Referencia: expediente T-978097 \u00a0 Acci\u00f3n de tutela instaurada por Carlinis Mar\u00eda Jim\u00e9nez Obispo contra el Municipio de Ci\u00e9naga, Magdalena.\u00a0 \u00a0 Magistrado Ponente: \u00a0 Dr. ALVARO TAFUR GALVIS \u00a0 Bogot\u00e1, D.C., nueve (9) de diciembre de dos mil cuatro (2004). \u00a0 La Sala Octava de Revisi\u00f3n de la Corte Constitucional, integrada por los magistrados Alvaro Tafur Galvis, Clara In\u00e9s Vargas Hern\u00e1ndez y Jaime ...<br \/><div class=\"pt-cv-rmwrap\"><a href=\"https:\/\/www.dmsjuridica.com\/buscador_20179478954\/corteconstitucionalcronologico202454587\/t-1229-04\/\" class=\"_self pt-cv-readmore btn btn-success\" target=\"_self\">Ver Sentencia Completa...<\/a><\/div><\/div><\/div><\/div>\n<div class=\"col-md-12 col-sm-12 col-xs-12 pt-cv-content-item pt-cv-1-col\" ><div class='pt-cv-ifield'><a href=\"https:\/\/www.dmsjuridica.com\/buscador_20179478954\/corteconstitucionalcronologico202454587\/t-1228-04\/\" class=\"_self pt-cv-href-thumbnail pt-cv-thumb-default\" target=\"_self\" ><\/a>\n<div class=\"pt-cv-taxoterm above_title\"><a href='https:\/\/www.dmsjuridica.com\/buscador_20179478954\/corteconstitucionalcronologico202454587\/category\/buscar-en-toda-la-corte\/2004\/tutelas-2004\/' title='Tutelas 2004' class='pt-cv-tax-tutelas-2004'>Tutelas 2004<\/a><\/div>\n<h4 class=\"pt-cv-title\"><a href=\"https:\/\/www.dmsjuridica.com\/buscador_20179478954\/corteconstitucionalcronologico202454587\/t-1228-04\/\" class=\"_self\" target=\"_self\" >T-1228-04<\/a><\/h4>\n<div class=\"pt-cv-content\">AUTONOMIA UNIVERSITARIA-Alcance y l\u00edmites \u00a0 AUTONOMIA UNIVERSITARIA-No es absoluta \u00a0 AUTONOMIA UNIVERSITARIA-Control de actos \u00a0 AUTONOMIA UNIVERSITARIA-Desarrollo de postulados constitucionales \u00a0 AUTONOMIA UNIVERSITARIA-Facultad de reglamentaci\u00f3n interna\/AUTONOMIA UNIVERSITARIA-Facultad para interpretar el alcance de las normas que expida \u00a0 Corresponde a las instituciones universitarias en ejercicio de la autonom\u00eda constitucional reconocida, dictar la normatividad que rige sus relaciones internas. Ello significa que debe reconocerse la existencia de independencia por parte de la Universidad para interpretar el alcance de las normas estatutarias que expida. As\u00ed las cosas, la Corte siempre ha se\u00f1alado que corresponde a las propias autoridades universitarias, como labor primigenia, la ...<br \/><div class=\"pt-cv-rmwrap\"><a href=\"https:\/\/www.dmsjuridica.com\/buscador_20179478954\/corteconstitucionalcronologico202454587\/t-1228-04\/\" class=\"_self pt-cv-readmore btn btn-success\" target=\"_self\">Ver Sentencia Completa...<\/a><\/div><\/div><\/div><\/div>\n<div class=\"col-md-12 col-sm-12 col-xs-12 pt-cv-content-item pt-cv-1-col\" ><div class='pt-cv-ifield'><a href=\"https:\/\/www.dmsjuridica.com\/buscador_20179478954\/corteconstitucionalcronologico202454587\/t-1227-04\/\" class=\"_self pt-cv-href-thumbnail pt-cv-thumb-default\" target=\"_self\" ><\/a>\n<div class=\"pt-cv-taxoterm above_title\"><a href='https:\/\/www.dmsjuridica.com\/buscador_20179478954\/corteconstitucionalcronologico202454587\/category\/buscar-en-toda-la-corte\/2004\/tutelas-2004\/' title='Tutelas 2004' class='pt-cv-tax-tutelas-2004'>Tutelas 2004<\/a><\/div>\n<h4 class=\"pt-cv-title\"><a href=\"https:\/\/www.dmsjuridica.com\/buscador_20179478954\/corteconstitucionalcronologico202454587\/t-1227-04\/\" class=\"_self\" target=\"_self\" >T-1227-04<\/a><\/h4>\n<div class=\"pt-cv-content\">\u00a0 \u00a0 Sentencia T-1227\/04 \u00a0 DERECHO A LA SALUD-Suministro de aud\u00edfonos \u00a0 DERECHO A LA INTEGRIDAD Y DIGNIDAD PERSONAL-Suministro de aud\u00edfonos para mejorar condiciones auditivas \u00a0 ENTIDAD PROMOTORA DE SALUD-No suministro de aud\u00edfonos por estar excluido del POS \u00a0 PLAN OBLIGATORIO DE SALUD-Presupuestos constitucionales para que suministro de tratamientos m\u00e9dicos sea procedente por tutela \u00a0 JUEZ DE TUTELA-Mediante sus \u00f3rdenes debe solucionar la vulneraci\u00f3n de derechos fundamentales \u00a0 Es pertinente precisar que lo que pretenden los ciudadanos cuando activan un instrumento constitucional como la tutela, es precisamente recurrir al juez constitucional para que por su intermedio se obtengan soluciones expeditas, ...<br \/><div class=\"pt-cv-rmwrap\"><a href=\"https:\/\/www.dmsjuridica.com\/buscador_20179478954\/corteconstitucionalcronologico202454587\/t-1227-04\/\" class=\"_self pt-cv-readmore btn btn-success\" target=\"_self\">Ver Sentencia Completa...<\/a><\/div><\/div><\/div><\/div>\n<div class=\"col-md-12 col-sm-12 col-xs-12 pt-cv-content-item pt-cv-1-col\" ><div class='pt-cv-ifield'><a href=\"https:\/\/www.dmsjuridica.com\/buscador_20179478954\/corteconstitucionalcronologico202454587\/t-1226-04\/\" class=\"_self pt-cv-href-thumbnail pt-cv-thumb-default\" target=\"_self\" ><\/a>\n<div class=\"pt-cv-taxoterm above_title\"><a href='https:\/\/www.dmsjuridica.com\/buscador_20179478954\/corteconstitucionalcronologico202454587\/category\/buscar-en-toda-la-corte\/2004\/tutelas-2004\/' title='Tutelas 2004' class='pt-cv-tax-tutelas-2004'>Tutelas 2004<\/a><\/div>\n<h4 class=\"pt-cv-title\"><a href=\"https:\/\/www.dmsjuridica.com\/buscador_20179478954\/corteconstitucionalcronologico202454587\/t-1226-04\/\" class=\"_self\" target=\"_self\" >T-1226-04<\/a><\/h4>\n<div class=\"pt-cv-content\">\u00a0 \u00a0 Sentencia T-1226\/04 \u00a0 ACCION DE TUTELA CONTRA PROVIDENCIAS DE LA CORTE SUPREMA DE JUSTICIA-Procedencia excepcional por v\u00eda de hecho \u00a0 COMPETENCIA A PREVENCION EN TUTELA-Derecho de acudir ante juez unipersonal o colegiado para interponer tutela contra actuaciones de salas de casaci\u00f3n de la Corte Suprema de Justicia \u00a0 TEMERIDAD O MALA FE-Ausencia \u00a0 DERECHO A LA FILIACION-Elemento integrador del estado civil de las personas\/DERECHO A LA FILIACION-Fundamental \u00a0 JUEZ CIVIL-Interpretaci\u00f3n evolutiva de normas \u00a0 Esta Sala de Revisi\u00f3n no pone en duda que la revisi\u00f3n constituye un recurso extraordinario, que debe operar dentro de l\u00edmites precisos, con el ...<br \/><div class=\"pt-cv-rmwrap\"><a href=\"https:\/\/www.dmsjuridica.com\/buscador_20179478954\/corteconstitucionalcronologico202454587\/t-1226-04\/\" class=\"_self pt-cv-readmore btn btn-success\" target=\"_self\">Ver Sentencia Completa...<\/a><\/div><\/div><\/div><\/div>\n<div class=\"col-md-12 col-sm-12 col-xs-12 pt-cv-content-item pt-cv-1-col\" ><div class='pt-cv-ifield'><a href=\"https:\/\/www.dmsjuridica.com\/buscador_20179478954\/corteconstitucionalcronologico202454587\/t-1225-04\/\" class=\"_self pt-cv-href-thumbnail pt-cv-thumb-default\" target=\"_self\" ><\/a>\n<div class=\"pt-cv-taxoterm above_title\"><a href='https:\/\/www.dmsjuridica.com\/buscador_20179478954\/corteconstitucionalcronologico202454587\/category\/buscar-en-toda-la-corte\/2004\/tutelas-2004\/' title='Tutelas 2004' class='pt-cv-tax-tutelas-2004'>Tutelas 2004<\/a><\/div>\n<h4 class=\"pt-cv-title\"><a href=\"https:\/\/www.dmsjuridica.com\/buscador_20179478954\/corteconstitucionalcronologico202454587\/t-1225-04\/\" class=\"_self\" target=\"_self\" >T-1225-04<\/a><\/h4>\n<div class=\"pt-cv-content\">\u00a0 \u00a0 Sentencia T-1225\/04 \u00a0 ACCION DE TUTELA Y MEDIO DE DEFENSA JUDICIAL-Aspectos que se deben tener en cuenta para su procedencia\u00a0 \u00a0 La Corte se\u00f1al\u00f3 que, de acuerdo a la jurisprudencia, dado el car\u00e1cter subsidiario de la tutela, cuando el accionante dispone de otro mecanismo de judicial el juez de tutela ha de analizar (i) si dicho medio es id\u00f3neo y eficaz, y en caso de que la respuesta resulte afirmativa, (ii) si se presenta un perjuicio irremediable que amerite que la tutela proceda como mecanismo transitorio. La Corte consider\u00f3 que la determinaci\u00f3n del grado en que el remedio ...<br \/><div class=\"pt-cv-rmwrap\"><a href=\"https:\/\/www.dmsjuridica.com\/buscador_20179478954\/corteconstitucionalcronologico202454587\/t-1225-04\/\" class=\"_self pt-cv-readmore btn btn-success\" target=\"_self\">Ver Sentencia Completa...<\/a><\/div><\/div><\/div><\/div>\n<div class=\"col-md-12 col-sm-12 col-xs-12 pt-cv-content-item pt-cv-1-col\" ><div class='pt-cv-ifield'><a href=\"https:\/\/www.dmsjuridica.com\/buscador_20179478954\/corteconstitucionalcronologico202454587\/t-1224-04\/\" class=\"_self pt-cv-href-thumbnail pt-cv-thumb-default\" target=\"_self\" ><\/a>\n<div class=\"pt-cv-taxoterm above_title\"><a href='https:\/\/www.dmsjuridica.com\/buscador_20179478954\/corteconstitucionalcronologico202454587\/category\/buscar-en-toda-la-corte\/2004\/tutelas-2004\/' title='Tutelas 2004' class='pt-cv-tax-tutelas-2004'>Tutelas 2004<\/a><\/div>\n<h4 class=\"pt-cv-title\"><a href=\"https:\/\/www.dmsjuridica.com\/buscador_20179478954\/corteconstitucionalcronologico202454587\/t-1224-04\/\" class=\"_self\" target=\"_self\" >T-1224-04<\/a><\/h4>\n<div class=\"pt-cv-content\">DERECHO A LA SALUD-Fundamental por conexidad con la vida \u00a0 REGIMEN SUBSIDIADO DE SEGURIDAD SOCIAL EN SALUD-Participantes vinculados\/SISBEN-Deber de atender participantes vinculados al sistema de salud \u00a0 INDIGENTE-Protecci\u00f3n por el Estado y la sociedad \u00a0 La jurisprudencia constitucional ha se\u00f1alado respecto de la situaci\u00f3n de indigencia en que se encuentran algunas personas -incluido el accionante-, que dicha condici\u00f3n limita los valores y principios que la misma Constituci\u00f3n pretende amparar, y por tanto, la persona que la padece no est\u00e1 en capacidad de velar por su propia existencia, siendo entonces la sociedad y el Estado a quienes les asiste la responsabilidad ...<br \/><div class=\"pt-cv-rmwrap\"><a href=\"https:\/\/www.dmsjuridica.com\/buscador_20179478954\/corteconstitucionalcronologico202454587\/t-1224-04\/\" class=\"_self pt-cv-readmore btn btn-success\" target=\"_self\">Ver Sentencia Completa...<\/a><\/div><\/div><\/div><\/div>\n<div class=\"col-md-12 col-sm-12 col-xs-12 pt-cv-content-item pt-cv-1-col\" ><div class='pt-cv-ifield'><a href=\"https:\/\/www.dmsjuridica.com\/buscador_20179478954\/corteconstitucionalcronologico202454587\/t-1223-04\/\" class=\"_self pt-cv-href-thumbnail pt-cv-thumb-default\" target=\"_self\" ><\/a>\n<div class=\"pt-cv-taxoterm above_title\"><a href='https:\/\/www.dmsjuridica.com\/buscador_20179478954\/corteconstitucionalcronologico202454587\/category\/buscar-en-toda-la-corte\/2004\/tutelas-2004\/' title='Tutelas 2004' class='pt-cv-tax-tutelas-2004'>Tutelas 2004<\/a><\/div>\n<h4 class=\"pt-cv-title\"><a href=\"https:\/\/www.dmsjuridica.com\/buscador_20179478954\/corteconstitucionalcronologico202454587\/t-1223-04\/\" class=\"_self\" target=\"_self\" >T-1223-04<\/a><\/h4>\n<div class=\"pt-cv-content\">\u00a0 \u00a0 Sentencia T-1223\/04\u00a0 \u00a0 ACCION DE TUTELA-Inmediatez\/ACCION DE TUTELA-T\u00e9rmino razonable de presentaci\u00f3n \u00a0 PERJUICIO IRREMEDIABLE Y PERSONA DE LA TERCERA EDAD-Interpretaci\u00f3n \u00a0 ACCION DE TUTELA TRANSITORIA-Inexistencia de perjuicio irremediable \u00a0 Referencia: expediente T-996714 \u00a0 Acci\u00f3n de tutela de Marco Tulio Trujillo Toro, contra Caja Nacional de Previsi\u00f3n Social - Cajanal seccional Antioquia.\u00a0 \u00a0 Procedencia: Juzgado Veinticinco Penal del Circuito de Medell\u00edn - Antioquia. \u00a0 Magistrado Ponente: \u00a0 Dr. ALFREDO BELTR\u00c1N SIERRA. \u00a0 Bogot\u00e1, D.C., seis (6) de diciembre de dos mil cuatro (2004). \u00a0 La Sala Segunda (2a.) de Revisi\u00f3n de la Corte Constitucional, integrada por los magistrados, Alfredo ...<br \/><div class=\"pt-cv-rmwrap\"><a href=\"https:\/\/www.dmsjuridica.com\/buscador_20179478954\/corteconstitucionalcronologico202454587\/t-1223-04\/\" class=\"_self pt-cv-readmore btn btn-success\" target=\"_self\">Ver Sentencia Completa...<\/a><\/div><\/div><\/div><\/div>\n<div class=\"col-md-12 col-sm-12 col-xs-12 pt-cv-content-item pt-cv-1-col\" ><div class='pt-cv-ifield'><a href=\"https:\/\/www.dmsjuridica.com\/buscador_20179478954\/corteconstitucionalcronologico202454587\/t-1222-04\/\" class=\"_self pt-cv-href-thumbnail pt-cv-thumb-default\" target=\"_self\" ><\/a>\n<div class=\"pt-cv-taxoterm above_title\"><a href='https:\/\/www.dmsjuridica.com\/buscador_20179478954\/corteconstitucionalcronologico202454587\/category\/buscar-en-toda-la-corte\/2004\/tutelas-2004\/' title='Tutelas 2004' class='pt-cv-tax-tutelas-2004'>Tutelas 2004<\/a><\/div>\n<h4 class=\"pt-cv-title\"><a href=\"https:\/\/www.dmsjuridica.com\/buscador_20179478954\/corteconstitucionalcronologico202454587\/t-1222-04\/\" class=\"_self\" target=\"_self\" >T-1222-04<\/a><\/h4>\n<div class=\"pt-cv-content\">\u00a0 \u00a0 Sentencia T-1222\/04 \u00a0 DERECHO DE ACCESO A LA ADMINISTRACION DE JUSTICIA-\u00c1mbito de protecci\u00f3n constitucional \u00a0 DERECHO DE ACCESO A LA ADMINISTRACION DE JUSTICIA-Alcance \u00a0 ACCESO A LA ADMINISTRACION DE JUSTICIA Continuidad y permanencia en la prestaci\u00f3n\/ACCESO A LA ADMINISTRACION DE JUSTICIA-Servicio P\u00fablico esencial \u00a0 La continuidad y permanencia en la prestaci\u00f3n del servicio p\u00fablico de administrar justicia, esto es que los funcionarios judiciales se han de ajustar al principio de continuidad, como una manera de garantizar la prestaci\u00f3n sin interrupci\u00f3n alguna de la funci\u00f3n p\u00fablica de administrar justicia, salvo las excepciones que establezca la ley (CP. art. 228) ...<br \/><div class=\"pt-cv-rmwrap\"><a href=\"https:\/\/www.dmsjuridica.com\/buscador_20179478954\/corteconstitucionalcronologico202454587\/t-1222-04\/\" class=\"_self pt-cv-readmore btn btn-success\" target=\"_self\">Ver Sentencia Completa...<\/a><\/div><\/div><\/div><\/div>\n<div class=\"col-md-12 col-sm-12 col-xs-12 pt-cv-content-item pt-cv-1-col\" ><div class='pt-cv-ifield'><a href=\"https:\/\/www.dmsjuridica.com\/buscador_20179478954\/corteconstitucionalcronologico202454587\/t-1221-04\/\" class=\"_self pt-cv-href-thumbnail pt-cv-thumb-default\" target=\"_self\" ><\/a>\n<div class=\"pt-cv-taxoterm above_title\"><a href='https:\/\/www.dmsjuridica.com\/buscador_20179478954\/corteconstitucionalcronologico202454587\/category\/buscar-en-toda-la-corte\/2004\/tutelas-2004\/' title='Tutelas 2004' class='pt-cv-tax-tutelas-2004'>Tutelas 2004<\/a><\/div>\n<h4 class=\"pt-cv-title\"><a href=\"https:\/\/www.dmsjuridica.com\/buscador_20179478954\/corteconstitucionalcronologico202454587\/t-1221-04\/\" class=\"_self\" target=\"_self\" >T-1221-04<\/a><\/h4>\n<div class=\"pt-cv-content\">\u00a0 \u00a0 Sentencia T-1221\/04 \u00a0 DERECHO A LA PENSION DE SOBREVIVIENTES-Finalidad \u00a0 DERECHO A LA PENSION DE SOBREVIVIENTES-Beneficiarios del pensionado \u00a0 PERSONA DISMINUIDA PSIQUICAMENTE-Sujeto de especial protecci\u00f3n constitucional \u00a0 PROCESO DE JURISDICCION VOLUNTARIA-Inexistencia de cosa juzgada material \u00a0 Por excepci\u00f3n, el art\u00edculo 333 del C\u00f3digo de Procedimiento Civil establece, en qu\u00e9 casos una sentencia no hace tr\u00e1nsito a cosa juzgada material, entre los cuales se encuentran las sentencias que se dicten en procesos de jurisdicci\u00f3n voluntaria. Esto se debe a la imposibilidad de darles a las sentencias el car\u00e1cter de inmutables, por cuanto los asuntos decididos por su propia naturaleza, ...<br \/><div class=\"pt-cv-rmwrap\"><a href=\"https:\/\/www.dmsjuridica.com\/buscador_20179478954\/corteconstitucionalcronologico202454587\/t-1221-04\/\" class=\"_self pt-cv-readmore btn btn-success\" target=\"_self\">Ver Sentencia Completa...<\/a><\/div><\/div><\/div><\/div>\n<div class=\"col-md-12 col-sm-12 col-xs-12 pt-cv-content-item pt-cv-1-col\" ><div class='pt-cv-ifield'><a href=\"https:\/\/www.dmsjuridica.com\/buscador_20179478954\/corteconstitucionalcronologico202454587\/t-1220-04\/\" class=\"_self pt-cv-href-thumbnail pt-cv-thumb-default\" target=\"_self\" ><\/a>\n<div class=\"pt-cv-taxoterm above_title\"><a href='https:\/\/www.dmsjuridica.com\/buscador_20179478954\/corteconstitucionalcronologico202454587\/category\/buscar-en-toda-la-corte\/2004\/tutelas-2004\/' title='Tutelas 2004' class='pt-cv-tax-tutelas-2004'>Tutelas 2004<\/a><\/div>\n<h4 class=\"pt-cv-title\"><a href=\"https:\/\/www.dmsjuridica.com\/buscador_20179478954\/corteconstitucionalcronologico202454587\/t-1220-04\/\" class=\"_self\" target=\"_self\" >T-1220-04<\/a><\/h4>\n<div class=\"pt-cv-content\">\u00a0 \u00a0 Sentencia T-1220\/04 \u00a0 AGENCIA OFICIOSA EN TUTELA-Hijo en representaci\u00f3n de padre enfermo \u00a0 DERECHO A LA VIDA DE PERSONA DE LA TERCERA EDAD-Protecci\u00f3n por tutela \u00a0 PERSONA DE LA TERCERA EDAD-Protecci\u00f3n especial\u00a0 \u00a0 DERECHO A LA SALUD-Fundamental por conexidad con la vida \u00a0 Referencia: expediente T-997280 \u00a0 Acci\u00f3n de tutela instaurada por Ramiro Tabares Bustamante, como agente oficioso de su padre el se\u00f1or Luis \u00c1ngel Tabares Giraldo contra \u00a0el Seguro Social \u00a0EPS - Seccional Pereira. \u00a0 Procedencia: Juzgado Primero Laboral del Circuito de Pereira.\u00a0 \u00a0 Dr. ALFREDO BELTR\u00c1N SIERRA \u00a0 Bogot\u00e1, D. C., seis (6) de diciembre de ...<br \/><div class=\"pt-cv-rmwrap\"><a href=\"https:\/\/www.dmsjuridica.com\/buscador_20179478954\/corteconstitucionalcronologico202454587\/t-1220-04\/\" class=\"_self pt-cv-readmore btn btn-success\" target=\"_self\">Ver Sentencia Completa...<\/a><\/div><\/div><\/div><\/div>\n<div class=\"col-md-12 col-sm-12 col-xs-12 pt-cv-content-item pt-cv-1-col\" ><div class='pt-cv-ifield'><a href=\"https:\/\/www.dmsjuridica.com\/buscador_20179478954\/corteconstitucionalcronologico202454587\/t-1219-04\/\" class=\"_self pt-cv-href-thumbnail pt-cv-thumb-default\" target=\"_self\" ><\/a>\n<div class=\"pt-cv-taxoterm above_title\"><a href='https:\/\/www.dmsjuridica.com\/buscador_20179478954\/corteconstitucionalcronologico202454587\/category\/buscar-en-toda-la-corte\/2004\/tutelas-2004\/' title='Tutelas 2004' class='pt-cv-tax-tutelas-2004'>Tutelas 2004<\/a><\/div>\n<h4 class=\"pt-cv-title\"><a href=\"https:\/\/www.dmsjuridica.com\/buscador_20179478954\/corteconstitucionalcronologico202454587\/t-1219-04\/\" class=\"_self\" target=\"_self\" >T-1219-04<\/a><\/h4>\n<div class=\"pt-cv-content\">\u00a0 \u00a0 Sentencia T-1219\/04 \u00a0 DERECHO A LA DIGNA SUBSISTENCIA-No pago incapacidades \u00a0 INCAPACIDAD MEDICA-Pago sustituye salario\/INCAPACIDAD MEDICA-Justo trato \u00a0 INCAPACIDAD MEDICA-Pago por allanamiento a la mora por la EPS \u00a0 La Corte ha sostenido que cuando el empleador consigna los aportes de salud en forma extempor\u00e1nea y la empresa promotora de salud los recibe sin oponerse a ello, se presenta allanamiento a la mora, raz\u00f3n por la que, las entidades no podr\u00e1n negar el pago de la incapacidad que se pide, con el argumento de la tard\u00eda cotizaci\u00f3n, pues aunque extempor\u00e1neo recibieron el pago correspondiente a los aportes de ...<br \/><div class=\"pt-cv-rmwrap\"><a href=\"https:\/\/www.dmsjuridica.com\/buscador_20179478954\/corteconstitucionalcronologico202454587\/t-1219-04\/\" class=\"_self pt-cv-readmore btn btn-success\" target=\"_self\">Ver Sentencia Completa...<\/a><\/div><\/div><\/div><\/div>\n<div class=\"col-md-12 col-sm-12 col-xs-12 pt-cv-content-item pt-cv-1-col\" ><div class='pt-cv-ifield'><a href=\"https:\/\/www.dmsjuridica.com\/buscador_20179478954\/corteconstitucionalcronologico202454587\/t-1218-04\/\" class=\"_self pt-cv-href-thumbnail pt-cv-thumb-default\" target=\"_self\" ><\/a>\n<div class=\"pt-cv-taxoterm above_title\"><a href='https:\/\/www.dmsjuridica.com\/buscador_20179478954\/corteconstitucionalcronologico202454587\/category\/buscar-en-toda-la-corte\/2004\/tutelas-2004\/' title='Tutelas 2004' class='pt-cv-tax-tutelas-2004'>Tutelas 2004<\/a><\/div>\n<h4 class=\"pt-cv-title\"><a href=\"https:\/\/www.dmsjuridica.com\/buscador_20179478954\/corteconstitucionalcronologico202454587\/t-1218-04\/\" class=\"_self\" target=\"_self\" >T-1218-04<\/a><\/h4>\n<div class=\"pt-cv-content\">DERECHO A LA SALUD-Fundamental por conexidad con la vida digna \u00a0 INAPLICACION DE NORMAS DEL PLAN OBLIGATORIO DE SALUD-Hip\u00f3tesis f\u00e1cticas que la determinan \u00a0 DERECHO A LA SALUD-Entrega de medicamento excluido del POS \u00a0 Referencia: expediente T-980836 \u00a0 Acci\u00f3n de tutela formulada por Abigail Castellano de Salazar contra la Caja Nacional de Previsi\u00f3n Social CAJANAL S.A. E.P.S. Seccional Barranquilla. \u00a0 \u00a0 \u00a0 Magistrado Ponente: \u00a0 Dr. JAIME ARA\u00daJO RENTER\u00cdA \u00a0 Bogot\u00e1, D. C., seis (6) de diciembre de dos mil cuatro (2004). \u00a0 La Sala Primera de Revisi\u00f3n de la Corte Constitucional, integrada por los Magistrados ALFREDO BELTR\u00c1N SIERRA, MANUEL ...<br \/><div class=\"pt-cv-rmwrap\"><a href=\"https:\/\/www.dmsjuridica.com\/buscador_20179478954\/corteconstitucionalcronologico202454587\/t-1218-04\/\" class=\"_self pt-cv-readmore btn btn-success\" target=\"_self\">Ver Sentencia Completa...<\/a><\/div><\/div><\/div><\/div>\n<div class=\"col-md-12 col-sm-12 col-xs-12 pt-cv-content-item pt-cv-1-col\" ><div class='pt-cv-ifield'><a href=\"https:\/\/www.dmsjuridica.com\/buscador_20179478954\/corteconstitucionalcronologico202454587\/t-1217-04\/\" class=\"_self pt-cv-href-thumbnail pt-cv-thumb-default\" target=\"_self\" ><\/a>\n<div class=\"pt-cv-taxoterm above_title\"><a href='https:\/\/www.dmsjuridica.com\/buscador_20179478954\/corteconstitucionalcronologico202454587\/category\/buscar-en-toda-la-corte\/2004\/tutelas-2004\/' title='Tutelas 2004' class='pt-cv-tax-tutelas-2004'>Tutelas 2004<\/a><\/div>\n<h4 class=\"pt-cv-title\"><a href=\"https:\/\/www.dmsjuridica.com\/buscador_20179478954\/corteconstitucionalcronologico202454587\/t-1217-04\/\" class=\"_self\" target=\"_self\" >T-1217-04<\/a><\/h4>\n<div class=\"pt-cv-content\">\u00a0 \u00a0 Sentencia T-1217\/04 \u00a0 RECURSO DE APELACION EN PROCESO PENAL-Declaraci\u00f3n de desierto por error de secretar\u00eda de juzgado\/PRINCIPIO PRO ACTIONE\/PRINCIPIO DE LA CONFIANZA LEGITIMA-Se dio certificaci\u00f3n de estar en t\u00e9rmino para sustentar recurso \u00a0 Si bien esta Sala no puede negar que la interpretaci\u00f3n que el Tribunal demandado hace de c\u00f3mo debe surtirse la notificaci\u00f3n es aquella que prev\u00e9 el ordenamiento procesal penal, no es menos cierto que la certificaci\u00f3n que hace el despacho que dict\u00f3 la sentencia de primera instancia en el sentido de estar el condenado en t\u00e9rmino para sustentar el recurso, genera en \u00e9ste una confianza ...<br \/><div class=\"pt-cv-rmwrap\"><a href=\"https:\/\/www.dmsjuridica.com\/buscador_20179478954\/corteconstitucionalcronologico202454587\/t-1217-04\/\" class=\"_self pt-cv-readmore btn btn-success\" target=\"_self\">Ver Sentencia Completa...<\/a><\/div><\/div><\/div><\/div>\n<div class=\"col-md-12 col-sm-12 col-xs-12 pt-cv-content-item pt-cv-1-col\" ><div class='pt-cv-ifield'><a href=\"https:\/\/www.dmsjuridica.com\/buscador_20179478954\/corteconstitucionalcronologico202454587\/t-1216-04\/\" class=\"_self pt-cv-href-thumbnail pt-cv-thumb-default\" target=\"_self\" ><\/a>\n<div class=\"pt-cv-taxoterm above_title\"><a href='https:\/\/www.dmsjuridica.com\/buscador_20179478954\/corteconstitucionalcronologico202454587\/category\/buscar-en-toda-la-corte\/2004\/tutelas-2004\/' title='Tutelas 2004' class='pt-cv-tax-tutelas-2004'>Tutelas 2004<\/a><\/div>\n<h4 class=\"pt-cv-title\"><a href=\"https:\/\/www.dmsjuridica.com\/buscador_20179478954\/corteconstitucionalcronologico202454587\/t-1216-04\/\" class=\"_self\" target=\"_self\" >T-1216-04<\/a><\/h4>\n<div class=\"pt-cv-content\">\u00a0 \u00a0 Sentencia T-1216\/04 \u00a0 ACCION DE TUTELA TRANSITORIA-Existencia de perjuicio irremediable \u00a0 DERECHO A LA VIVIENDA DIGNA-Deterioro de inmueble por construcci\u00f3n de carretera \u00a0 JUEZ DE TUTELA-Ordena estudio geol\u00f3gico para determinar si obra de construcci\u00f3n deteriora vivienda cercana \u00a0 DERECHO A LA VIVIENDA DIGNA-Circunstancia de debilidad manifiesta para negociar con el departamento \u00a0 Referencia: expediente T-968807 \u00a0 Acci\u00f3n de tutela instaurada por Mar\u00eda Esther Dorado de Sotelo contra el Departamento del Cauca \u00a0 \u00a0 \u00a0 Magistrado Ponente: \u00a0 Dr. MANUEL JOS\u00c9 CEPEDA ESPINOSA \u00a0 Bogot\u00e1, D.C., tres (3) de diciembre de dos mil cuatro (2004). \u00a0 En el proceso ...<br \/><div class=\"pt-cv-rmwrap\"><a href=\"https:\/\/www.dmsjuridica.com\/buscador_20179478954\/corteconstitucionalcronologico202454587\/t-1216-04\/\" class=\"_self pt-cv-readmore btn btn-success\" target=\"_self\">Ver Sentencia Completa...<\/a><\/div><\/div><\/div><\/div>\n<div class=\"col-md-12 col-sm-12 col-xs-12 pt-cv-content-item pt-cv-1-col\" ><div class='pt-cv-ifield'><a href=\"https:\/\/www.dmsjuridica.com\/buscador_20179478954\/corteconstitucionalcronologico202454587\/t-1215-04\/\" class=\"_self pt-cv-href-thumbnail pt-cv-thumb-default\" target=\"_self\" ><\/a>\n<div class=\"pt-cv-taxoterm above_title\"><a href='https:\/\/www.dmsjuridica.com\/buscador_20179478954\/corteconstitucionalcronologico202454587\/category\/buscar-en-toda-la-corte\/2004\/tutelas-2004\/' title='Tutelas 2004' class='pt-cv-tax-tutelas-2004'>Tutelas 2004<\/a><\/div>\n<h4 class=\"pt-cv-title\"><a href=\"https:\/\/www.dmsjuridica.com\/buscador_20179478954\/corteconstitucionalcronologico202454587\/t-1215-04\/\" class=\"_self\" target=\"_self\" >T-1215-04<\/a><\/h4>\n<div class=\"pt-cv-content\">\u00a0 \u00a0 Sentencia T-1215\/04 \u00a0 DERECHO DE PETICION EN MATERIA PENSIONAL-Eventos en que hay vulneraci\u00f3n \u00a0 ACCION DE TUTELA TEMERARIA-Circunstancias para que proceda \u00a0 Un actor o su representante legal incurren en conducta temeraria cuando concurren las siguientes circunstancias: (i) Que se presente una misma acci\u00f3n de tutela, esto es, por los mismos hechos y para reclamar el mismo derecho; en oportunidades diferentes, ya sea ante distintos jueces o ante el mismo juez; (ii) Que la tutela sea presentada por la misma persona o por su representante; y (iii) Que la presentaci\u00f3n reiterada de la acci\u00f3n de tutela se haga ...<br \/><div class=\"pt-cv-rmwrap\"><a href=\"https:\/\/www.dmsjuridica.com\/buscador_20179478954\/corteconstitucionalcronologico202454587\/t-1215-04\/\" class=\"_self pt-cv-readmore btn btn-success\" target=\"_self\">Ver Sentencia Completa...<\/a><\/div><\/div><\/div><\/div>\n<div class=\"col-md-12 col-sm-12 col-xs-12 pt-cv-content-item pt-cv-1-col\" ><div class='pt-cv-ifield'><a href=\"https:\/\/www.dmsjuridica.com\/buscador_20179478954\/corteconstitucionalcronologico202454587\/t-1214-04\/\" class=\"_self pt-cv-href-thumbnail pt-cv-thumb-default\" target=\"_self\" ><\/a>\n<div class=\"pt-cv-taxoterm above_title\"><a href='https:\/\/www.dmsjuridica.com\/buscador_20179478954\/corteconstitucionalcronologico202454587\/category\/buscar-en-toda-la-corte\/2004\/tutelas-2004\/' title='Tutelas 2004' class='pt-cv-tax-tutelas-2004'>Tutelas 2004<\/a><\/div>\n<h4 class=\"pt-cv-title\"><a href=\"https:\/\/www.dmsjuridica.com\/buscador_20179478954\/corteconstitucionalcronologico202454587\/t-1214-04\/\" class=\"_self\" target=\"_self\" >T-1214-04<\/a><\/h4>\n<div class=\"pt-cv-content\">\u00a0 \u00a0 Sentencia T-1214\/04 \u00a0 ACCION DE TUTELA CONTRA ACTO ADMINISTRATIVO-Procedencia excepcional \u00a0 En cuanto a la procedencia excepcional de la acci\u00f3n de tutela como medio de defensa judicial contra actos administrativos que vulneren derechos fundamentales, la Corte ha sostenido de manera reiterada que \u00e9sta no procede salvo que se constate la existencia de un perjuicio irremediable.\u00a0 \u00a0 SERVICIOS PUBLICOS DOMICILIARIOS-Aplicaci\u00f3n de par\u00e1metros constitucionales \u00a0 DEBIDO PROCESO ADMINISTRATIVO-Plenitud de las formas propias de cada juicio \u00a0 DEBIDO PROCESO ADMINISTRATIVO-Garant\u00eda de los usuarios de las empresas de servicios p\u00fablicos domiciliarios \u00a0 Los suscriptores y usuarios de los servicios p\u00fablicos domiciliarios son ...<br \/><div class=\"pt-cv-rmwrap\"><a href=\"https:\/\/www.dmsjuridica.com\/buscador_20179478954\/corteconstitucionalcronologico202454587\/t-1214-04\/\" class=\"_self pt-cv-readmore btn btn-success\" target=\"_self\">Ver Sentencia Completa...<\/a><\/div><\/div><\/div><\/div>\n<div class=\"col-md-12 col-sm-12 col-xs-12 pt-cv-content-item pt-cv-1-col\" ><div class='pt-cv-ifield'><a href=\"https:\/\/www.dmsjuridica.com\/buscador_20179478954\/corteconstitucionalcronologico202454587\/t-1213-04\/\" class=\"_self pt-cv-href-thumbnail pt-cv-thumb-default\" target=\"_self\" ><\/a>\n<div class=\"pt-cv-taxoterm above_title\"><a href='https:\/\/www.dmsjuridica.com\/buscador_20179478954\/corteconstitucionalcronologico202454587\/category\/buscar-en-toda-la-corte\/2004\/tutelas-2004\/' title='Tutelas 2004' class='pt-cv-tax-tutelas-2004'>Tutelas 2004<\/a><\/div>\n<h4 class=\"pt-cv-title\"><a href=\"https:\/\/www.dmsjuridica.com\/buscador_20179478954\/corteconstitucionalcronologico202454587\/t-1213-04\/\" class=\"_self\" target=\"_self\" >T-1213-04<\/a><\/h4>\n<div class=\"pt-cv-content\">\u00a0 \u00a0 Sentencia T-1213\/04 \u00a0 DERECHO A LA SEGURIDAD SOCIAL-Fundamental por conexidad \u00a0 DERECHO A LA SALUD-Fundamental por conexidad con la vida digna \u00a0 INAPLICACION DE NORMAS DEL PLAN OBLIGATORIO DE SALUD-Hip\u00f3tesis f\u00e1cticas que la determinan\u00a0 \u00a0 SISBEN-Proceso espec\u00edfico de selecci\u00f3n de beneficiarios \u00a0 PRINCIPIO DE LA CONFIANZA LEGITIMA-Vulneraci\u00f3n por no prestaci\u00f3n de atenci\u00f3n m\u00e9dica de un afiliado al SISBEN \u00a0 Ha manifestado esta Corporaci\u00f3n que el hecho de carecer de una ARS, no impide que la accionante pueda hacer valer sus derechos fundamentales. \u201cUna persona que ya est\u00e1 vinculada, as\u00ed se le diga que es potencialmente beneficiaria, tiene derecho ...<br \/><div class=\"pt-cv-rmwrap\"><a href=\"https:\/\/www.dmsjuridica.com\/buscador_20179478954\/corteconstitucionalcronologico202454587\/t-1213-04\/\" class=\"_self pt-cv-readmore btn btn-success\" target=\"_self\">Ver Sentencia Completa...<\/a><\/div><\/div><\/div><\/div>\n<div class=\"col-md-12 col-sm-12 col-xs-12 pt-cv-content-item pt-cv-1-col\" ><div class='pt-cv-ifield'><a href=\"https:\/\/www.dmsjuridica.com\/buscador_20179478954\/corteconstitucionalcronologico202454587\/t-1212-04\/\" class=\"_self pt-cv-href-thumbnail pt-cv-thumb-default\" target=\"_self\" ><\/a>\n<div class=\"pt-cv-taxoterm above_title\"><a href='https:\/\/www.dmsjuridica.com\/buscador_20179478954\/corteconstitucionalcronologico202454587\/category\/buscar-en-toda-la-corte\/2004\/tutelas-2004\/' title='Tutelas 2004' class='pt-cv-tax-tutelas-2004'>Tutelas 2004<\/a><\/div>\n<h4 class=\"pt-cv-title\"><a href=\"https:\/\/www.dmsjuridica.com\/buscador_20179478954\/corteconstitucionalcronologico202454587\/t-1212-04\/\" class=\"_self\" target=\"_self\" >T-1212-04<\/a><\/h4>\n<div class=\"pt-cv-content\">\u00a0 \u00a0 Sentencia T-1212\/04 \u00a0 PERSONA JURIDICA-Titular de derechos fundamentales \u00a0 EMPRESAS DE SERVICIOS PUBLICOS DOMICILIARIOS-Categor\u00edas creadas por ley y reg\u00edmenes a los que se someten \u00a0 Inicialmente debe advertirse que la Ley 142 de 1994 cre\u00f3 tres categor\u00edas distintas de empresas de servicios p\u00fablicos domiciliarios, a saber: Las empresas oficiales, mixtas y privadas. Seg\u00fan el art\u00edculo 32 de la Ley 142 de 1994, las empresas de servicios p\u00fablicos domiciliarios, por regla general, se someten a las disposiciones del derecho privado en cuanto a su constituci\u00f3n, actos, contratos y administraci\u00f3n, inclusive en aquellas empresas en las cuales las entidades p\u00fablicas ...<br \/><div class=\"pt-cv-rmwrap\"><a href=\"https:\/\/www.dmsjuridica.com\/buscador_20179478954\/corteconstitucionalcronologico202454587\/t-1212-04\/\" class=\"_self pt-cv-readmore btn btn-success\" target=\"_self\">Ver Sentencia Completa...<\/a><\/div><\/div><\/div><\/div>\n<div class=\"col-md-12 col-sm-12 col-xs-12 pt-cv-content-item pt-cv-1-col\" ><div class='pt-cv-ifield'><a href=\"https:\/\/www.dmsjuridica.com\/buscador_20179478954\/corteconstitucionalcronologico202454587\/t-1211-04\/\" class=\"_self pt-cv-href-thumbnail pt-cv-thumb-default\" target=\"_self\" ><\/a>\n<div class=\"pt-cv-taxoterm above_title\"><a href='https:\/\/www.dmsjuridica.com\/buscador_20179478954\/corteconstitucionalcronologico202454587\/category\/buscar-en-toda-la-corte\/2004\/tutelas-2004\/' title='Tutelas 2004' class='pt-cv-tax-tutelas-2004'>Tutelas 2004<\/a><\/div>\n<h4 class=\"pt-cv-title\"><a href=\"https:\/\/www.dmsjuridica.com\/buscador_20179478954\/corteconstitucionalcronologico202454587\/t-1211-04\/\" class=\"_self\" target=\"_self\" >T-1211-04<\/a><\/h4>\n<div class=\"pt-cv-content\">\u00a0 \u00a0 Sentencia T-1211\/04 \u00a0 DERECHO A LA SEGURIDAD SOCIAL-Fundamental por conexidad \u00a0 DERECHO A LA SALUD DEL NI\u00d1O-Fundamental aut\u00f3nomo\/DERECHO A LA SALUD DEL NI\u00d1O-Protecci\u00f3n estatal \u00a0 Si quien reclama la protecci\u00f3n constitucional del derecho a la salud es un menor de edad, la misma Carta Pol\u00edtica ha dispuesto en su art\u00edculo 44 que los derechos fundamentales de los ni\u00f1os prevalecer\u00e1n sobre los dem\u00e1s, y que en esta medida el derecho a la salud, vista la especial protecci\u00f3n que merece los ni\u00f1os tal y como tambi\u00e9n dispone el art\u00edculo 13 de la Carta, tiene la condici\u00f3n de un derecho fundamental, ...<br \/><div class=\"pt-cv-rmwrap\"><a href=\"https:\/\/www.dmsjuridica.com\/buscador_20179478954\/corteconstitucionalcronologico202454587\/t-1211-04\/\" class=\"_self pt-cv-readmore btn btn-success\" target=\"_self\">Ver Sentencia Completa...<\/a><\/div><\/div><\/div><\/div>\n<div class=\"col-md-12 col-sm-12 col-xs-12 pt-cv-content-item pt-cv-1-col\" ><div class='pt-cv-ifield'><a href=\"https:\/\/www.dmsjuridica.com\/buscador_20179478954\/corteconstitucionalcronologico202454587\/t-1210-04\/\" class=\"_self pt-cv-href-thumbnail pt-cv-thumb-default\" target=\"_self\" ><\/a>\n<div class=\"pt-cv-taxoterm above_title\"><a href='https:\/\/www.dmsjuridica.com\/buscador_20179478954\/corteconstitucionalcronologico202454587\/category\/buscar-en-toda-la-corte\/2004\/tutelas-2004\/' title='Tutelas 2004' class='pt-cv-tax-tutelas-2004'>Tutelas 2004<\/a><\/div>\n<h4 class=\"pt-cv-title\"><a href=\"https:\/\/www.dmsjuridica.com\/buscador_20179478954\/corteconstitucionalcronologico202454587\/t-1210-04\/\" class=\"_self\" target=\"_self\" >T-1210-04<\/a><\/h4>\n<div class=\"pt-cv-content\">\u00a0 \u00a0 Sentencia T-1210\/04 \u00a0 AGENCIA OFICIOSA EN TUTELA-Hijo en representaci\u00f3n de madre enferma \u00a0 ACCION DE TUTELA CONTRA PARTICULARES-Procedencia respecto de entidad financiera \u00a0 PERSONA DE LA TERCERA EDAD-Protecci\u00f3n especial por encontrarse en circunstancias de debilidad manifiesta \u00a0 DERECHO AL MINIMO VITAL DE PERSONA DE LA TERCERA EDAD-Reintegro de ahorros depositados en cooperativa en liquidaci\u00f3n \u00a0 Reiteraci\u00f3n de Jurisprudencia \u00a0 Referencia: expediente T-969177 \u00a0 Acci\u00f3n de tutela instaurada por V\u00edctor Manuel Parra en su nombre, y en representaci\u00f3n de su madre Concepci\u00f3n Parra Aguirre contra la Caja Popular Cooperativa CAJACOOP \u2013 en Liquidaci\u00f3n-. \u00a0 Magistrado Ponente: \u00a0 JAIME C\u00d3RDOBA ...<br \/><div class=\"pt-cv-rmwrap\"><a href=\"https:\/\/www.dmsjuridica.com\/buscador_20179478954\/corteconstitucionalcronologico202454587\/t-1210-04\/\" class=\"_self pt-cv-readmore btn btn-success\" target=\"_self\">Ver Sentencia Completa...<\/a><\/div><\/div><\/div><\/div>\n<div class=\"col-md-12 col-sm-12 col-xs-12 pt-cv-content-item pt-cv-1-col\" ><div class='pt-cv-ifield'><a href=\"https:\/\/www.dmsjuridica.com\/buscador_20179478954\/corteconstitucionalcronologico202454587\/t-1209-04\/\" class=\"_self pt-cv-href-thumbnail pt-cv-thumb-default\" target=\"_self\" ><\/a>\n<div class=\"pt-cv-taxoterm above_title\"><a href='https:\/\/www.dmsjuridica.com\/buscador_20179478954\/corteconstitucionalcronologico202454587\/category\/buscar-en-toda-la-corte\/2004\/tutelas-2004\/' title='Tutelas 2004' class='pt-cv-tax-tutelas-2004'>Tutelas 2004<\/a><\/div>\n<h4 class=\"pt-cv-title\"><a href=\"https:\/\/www.dmsjuridica.com\/buscador_20179478954\/corteconstitucionalcronologico202454587\/t-1209-04\/\" class=\"_self\" target=\"_self\" >T-1209-04<\/a><\/h4>\n<div class=\"pt-cv-content\">\u00a0 \u00a0 Sentencia T-1209\/04 \u00a0 DERECHO A LA SALUD-Fundamental por conexidad \u00a0 ENFERMEDADES CATASTROFICAS O RUINOSAS-Suministro de tratamientos sin cumplir periodo m\u00ednimo de cotizaci\u00f3n\/ENFERMEDADES DE ALTO COSTO-Cobro de porcentaje en dinero cuando no se ha cumplido el periodo m\u00ednimo de cotizaci\u00f3n\u00a0 \u00a0 Como igualmente lo ha se\u00f1alado esta Corporaci\u00f3n, dentro del Plan Obligatorio de Salud (P.O.S.) las E.P.S. no pueden negar la prestaci\u00f3n de servicios requeridos por sus afiliados y beneficiarios escud\u00e1ndose para ello en la existencia de preexistencias, particularmente cuando se hace menci\u00f3n a las enfermedades calificadas como catastr\u00f3ficas o ruinosas. No obstante, estas entidades prestadoras de salud si ...<br \/><div class=\"pt-cv-rmwrap\"><a href=\"https:\/\/www.dmsjuridica.com\/buscador_20179478954\/corteconstitucionalcronologico202454587\/t-1209-04\/\" class=\"_self pt-cv-readmore btn btn-success\" target=\"_self\">Ver Sentencia Completa...<\/a><\/div><\/div><\/div><\/div>\n<div class=\"col-md-12 col-sm-12 col-xs-12 pt-cv-content-item pt-cv-1-col\" ><div class='pt-cv-ifield'><a href=\"https:\/\/www.dmsjuridica.com\/buscador_20179478954\/corteconstitucionalcronologico202454587\/t-1208-04\/\" class=\"_self pt-cv-href-thumbnail pt-cv-thumb-default\" target=\"_self\" ><\/a>\n<div class=\"pt-cv-taxoterm above_title\"><a href='https:\/\/www.dmsjuridica.com\/buscador_20179478954\/corteconstitucionalcronologico202454587\/category\/buscar-en-toda-la-corte\/2004\/tutelas-2004\/' title='Tutelas 2004' class='pt-cv-tax-tutelas-2004'>Tutelas 2004<\/a><\/div>\n<h4 class=\"pt-cv-title\"><a href=\"https:\/\/www.dmsjuridica.com\/buscador_20179478954\/corteconstitucionalcronologico202454587\/t-1208-04\/\" class=\"_self\" target=\"_self\" >T-1208-04<\/a><\/h4>\n<div class=\"pt-cv-content\">\u00a0 \u00a0 Sentencia T-1208\/04 \u00a0 DERECHO A LA SEGURIDAD SOCIAL-Fundamental por conexidad\/DERECHO A LA PENSION DE VEJEZ Y JUBILACION-Fundamentales por conexidad \u00a0 La jurisprudencia ha reconocido el car\u00e1cter fundamental del derecho a la seguridad social y concretamente de los derechos a la pensi\u00f3n de vejez y de jubilaci\u00f3n, cuando resulten afectados derechos fundamentales de la persona, en especial de aquellas que por su condici\u00f3n se encuentren en debilidad manifiesta o disminuci\u00f3n f\u00edsica o mental. La pensi\u00f3n de vejez goza de amparo superior en los art\u00edculos 48 y 53 de la Carta Pol\u00edtica. \u00a0 SERVIDOR PUBLICO EN CARRERA ADMINISTRATIVA-Edad de retiro ...<br \/><div class=\"pt-cv-rmwrap\"><a href=\"https:\/\/www.dmsjuridica.com\/buscador_20179478954\/corteconstitucionalcronologico202454587\/t-1208-04\/\" class=\"_self pt-cv-readmore btn btn-success\" target=\"_self\">Ver Sentencia Completa...<\/a><\/div><\/div><\/div><\/div>\n<div class=\"col-md-12 col-sm-12 col-xs-12 pt-cv-content-item pt-cv-1-col\" ><div class='pt-cv-ifield'><a href=\"https:\/\/www.dmsjuridica.com\/buscador_20179478954\/corteconstitucionalcronologico202454587\/t-1207-04\/\" class=\"_self pt-cv-href-thumbnail pt-cv-thumb-default\" target=\"_self\" ><\/a>\n<div class=\"pt-cv-taxoterm above_title\"><a href='https:\/\/www.dmsjuridica.com\/buscador_20179478954\/corteconstitucionalcronologico202454587\/category\/buscar-en-toda-la-corte\/2004\/tutelas-2004\/' title='Tutelas 2004' class='pt-cv-tax-tutelas-2004'>Tutelas 2004<\/a><\/div>\n<h4 class=\"pt-cv-title\"><a href=\"https:\/\/www.dmsjuridica.com\/buscador_20179478954\/corteconstitucionalcronologico202454587\/t-1207-04\/\" class=\"_self\" target=\"_self\" >T-1207-04<\/a><\/h4>\n<div class=\"pt-cv-content\">DERECHOS FUNDAMENTALES DE PERSONA JURIDICA-Se\u00f1alamiento de los que resultan aplicables y protecci\u00f3n por tutela\u00a0 \u00a0 PERSONA JURIDICA-Titular de derechos fundamentales \u00a0 SISTEMA DE FINANCIACION DE VIVIENDA-Finalidad de la ley 546 de 1999 \u00a0 La Ley tuvo como finalidad establecer las normas generales y se\u00f1alar los criterios a los cuales deb\u00eda someterse el Gobierno Nacional para regular un sistema especializado de financiaci\u00f3n de vivienda individual a largo plazo, ligado al \u00edndice de precios al consumidor y para determinar condiciones especiales para la vivienda de inter\u00e9s social urbana y rural, y as\u00ed fijar las condiciones para hacer efectivo el derecho constitucional a ...<br \/><div class=\"pt-cv-rmwrap\"><a href=\"https:\/\/www.dmsjuridica.com\/buscador_20179478954\/corteconstitucionalcronologico202454587\/t-1207-04\/\" class=\"_self pt-cv-readmore btn btn-success\" target=\"_self\">Ver Sentencia Completa...<\/a><\/div><\/div><\/div><\/div>\n<div class=\"col-md-12 col-sm-12 col-xs-12 pt-cv-content-item pt-cv-1-col\" ><div class='pt-cv-ifield'><a href=\"https:\/\/www.dmsjuridica.com\/buscador_20179478954\/corteconstitucionalcronologico202454587\/t-1206-04\/\" class=\"_self pt-cv-href-thumbnail pt-cv-thumb-default\" target=\"_self\" ><\/a>\n<div class=\"pt-cv-taxoterm above_title\"><a href='https:\/\/www.dmsjuridica.com\/buscador_20179478954\/corteconstitucionalcronologico202454587\/category\/buscar-en-toda-la-corte\/2004\/tutelas-2004\/' title='Tutelas 2004' class='pt-cv-tax-tutelas-2004'>Tutelas 2004<\/a><\/div>\n<h4 class=\"pt-cv-title\"><a href=\"https:\/\/www.dmsjuridica.com\/buscador_20179478954\/corteconstitucionalcronologico202454587\/t-1206-04\/\" class=\"_self\" target=\"_self\" >T-1206-04<\/a><\/h4>\n<div class=\"pt-cv-content\">\u00a0 \u00a0 Sentencia T-1206\/04 \u00a0 INSUBSISTENCIA EN CARGO EN PROVISIONALIDAD DE LA FISCALIA GENERAL DE LA NACION-Procedencia de tutela \u00a0 DERECHO A LA ESTABILIDAD LABORAL-Cargos de carrera administrativa\/DERECHO A LA ESTABILIDAD LABORAL-No se reduce por ocupar cargo de carrera administrativa en provisionalidad cuando no se ha hecho concurso \u00a0 El hecho de que una persona se encuentre vinculada en provisionalidad en un cargo de carrera judicial, no implica que su estabilidad laboral sea tan precaria como la de un empleado que est\u00e1 en un cargo de libre nombramiento y remoci\u00f3n y, por tanto, la administraci\u00f3n no goza de la misma ...<br \/><div class=\"pt-cv-rmwrap\"><a href=\"https:\/\/www.dmsjuridica.com\/buscador_20179478954\/corteconstitucionalcronologico202454587\/t-1206-04\/\" class=\"_self pt-cv-readmore btn btn-success\" target=\"_self\">Ver Sentencia Completa...<\/a><\/div><\/div><\/div><\/div>\n<div class=\"col-md-12 col-sm-12 col-xs-12 pt-cv-content-item pt-cv-1-col\" ><div class='pt-cv-ifield'><a href=\"https:\/\/www.dmsjuridica.com\/buscador_20179478954\/corteconstitucionalcronologico202454587\/t-1205-04\/\" class=\"_self pt-cv-href-thumbnail pt-cv-thumb-default\" target=\"_self\" ><\/a>\n<div class=\"pt-cv-taxoterm above_title\"><a href='https:\/\/www.dmsjuridica.com\/buscador_20179478954\/corteconstitucionalcronologico202454587\/category\/buscar-en-toda-la-corte\/2004\/tutelas-2004\/' title='Tutelas 2004' class='pt-cv-tax-tutelas-2004'>Tutelas 2004<\/a><\/div>\n<h4 class=\"pt-cv-title\"><a href=\"https:\/\/www.dmsjuridica.com\/buscador_20179478954\/corteconstitucionalcronologico202454587\/t-1205-04\/\" class=\"_self\" target=\"_self\" >T-1205-04<\/a><\/h4>\n<div class=\"pt-cv-content\">\u00a0 \u00a0 Sentencia T-1205\/04 \u00a0 ACCION DE TUTELA CONTRA EMPRESA DE SERVICIOS PUBLICOS DOMICILIARIOS \u00a0 PREVALENCIA DEL PRINCIPIO DE EFICIENCIA DE LOS DERECHOS FUNDAMENTALES SOBRE EL PRINCIPIO DE RESPONSABILIDAD PATRIMONIAL \u00a0 ACCION DE TUTELA CONTRA EMPRESA DE SERVICIOS PUBLICOS DOMICILIARIOS-Procedencia \u00a0 En la \u00f3rbita constitucional, propia de los derechos fundamentales y de los mecanismos especiales para su protecci\u00f3n, se impone el principio de la eficacia de los derechos fundamentales y de los principios constitucionales; por otra parte, en la \u00f3rbita legal contractual, se impone el principio de responsabilidad personal patrimonial; de tal forma que cuando las dos \u00f3rbitas se tocan ...<br \/><div class=\"pt-cv-rmwrap\"><a href=\"https:\/\/www.dmsjuridica.com\/buscador_20179478954\/corteconstitucionalcronologico202454587\/t-1205-04\/\" class=\"_self pt-cv-readmore btn btn-success\" target=\"_self\">Ver Sentencia Completa...<\/a><\/div><\/div><\/div><\/div>\n<div class=\"col-md-12 col-sm-12 col-xs-12 pt-cv-content-item pt-cv-1-col\" ><div class='pt-cv-ifield'><a href=\"https:\/\/www.dmsjuridica.com\/buscador_20179478954\/corteconstitucionalcronologico202454587\/t-1204-04\/\" class=\"_self pt-cv-href-thumbnail pt-cv-thumb-default\" target=\"_self\" ><\/a>\n<div class=\"pt-cv-taxoterm above_title\"><a href='https:\/\/www.dmsjuridica.com\/buscador_20179478954\/corteconstitucionalcronologico202454587\/category\/buscar-en-toda-la-corte\/2004\/tutelas-2004\/' title='Tutelas 2004' class='pt-cv-tax-tutelas-2004'>Tutelas 2004<\/a><\/div>\n<h4 class=\"pt-cv-title\"><a href=\"https:\/\/www.dmsjuridica.com\/buscador_20179478954\/corteconstitucionalcronologico202454587\/t-1204-04\/\" class=\"_self\" target=\"_self\" >T-1204-04<\/a><\/h4>\n<div class=\"pt-cv-content\">\u00a0 \u00a0 Sentencia T-1204\/04 \u00a0 ACCION DE TUTELA-Hecho consumado \u00a0 ACCION DE TUTELA-Requisitos de procedencia \u00a0 PRINCIPIO DE LA CONFIANZA LEGITIMA-Presupuestos \u00a0 ACCION DE TUTELA-Sustracci\u00f3n de materia \u00a0 Referencia: expediente 942594 \u00a0 Acci\u00f3n de tutela instaurada por Roc\u00edo Hurtado Angel contra la Universidad Libre Seccional Cali. \u00a0 Magistrado Ponente: \u00a0 Dr. HUMBERTO ANTONIO SIERRA PORTO \u00a0 Bogot\u00e1, D. C., dos (2) de diciembre de dos mil cuatro (2004). \u00a0 La Sala S\u00e9ptima de Revisi\u00f3n de la Corte Constitucional, integrada por los Magistrados Humberto Sierra Porto, \u00c1lvaro Tafur Galvis y Clara In\u00e9s Vargas Hern\u00e1ndez, en ejercicio de sus competencias constitucionales y ...<br \/><div class=\"pt-cv-rmwrap\"><a href=\"https:\/\/www.dmsjuridica.com\/buscador_20179478954\/corteconstitucionalcronologico202454587\/t-1204-04\/\" class=\"_self pt-cv-readmore btn btn-success\" target=\"_self\">Ver Sentencia Completa...<\/a><\/div><\/div><\/div><\/div>\n<div class=\"col-md-12 col-sm-12 col-xs-12 pt-cv-content-item pt-cv-1-col\" ><div class='pt-cv-ifield'><a href=\"https:\/\/www.dmsjuridica.com\/buscador_20179478954\/corteconstitucionalcronologico202454587\/t-1203-04\/\" class=\"_self pt-cv-href-thumbnail pt-cv-thumb-default\" target=\"_self\" ><\/a>\n<div class=\"pt-cv-taxoterm above_title\"><a href='https:\/\/www.dmsjuridica.com\/buscador_20179478954\/corteconstitucionalcronologico202454587\/category\/buscar-en-toda-la-corte\/2004\/tutelas-2004\/' title='Tutelas 2004' class='pt-cv-tax-tutelas-2004'>Tutelas 2004<\/a><\/div>\n<h4 class=\"pt-cv-title\"><a href=\"https:\/\/www.dmsjuridica.com\/buscador_20179478954\/corteconstitucionalcronologico202454587\/t-1203-04\/\" class=\"_self\" target=\"_self\" >T-1203-04<\/a><\/h4>\n<div class=\"pt-cv-content\">\u00a0 \u00a0 Sentencia T-1203\/04 \u00a0 ACCION DE TUTELA-Elementos para que proceda \u00a0 DEBIDO PROCESO DE COBRO COACTIVO-Aplicaci\u00f3n\u00a0 \u00a0 ACCION DE TUTELA-Improcedencia por no ejercicio oportuno de recursos\/ACCION DE TUTELA-Improcedencia por no ejercicio previo de recursos ordinarios \u00a0 Concluye la Sala que la Gobernaci\u00f3n demandante ten\u00eda un mecanismo de defensa judicial para oponerse a la actuaci\u00f3n del Instituto demandado, cual era la oportunidad para alegar como excepci\u00f3n contra el mandamiento de pago la relativa a la existencia de un previo acuerdo de reestructuraci\u00f3n de pasivos, mecanismo de defensa que no fue utilizado por ella. Adicionalmente, al momento de incoar la presente ...<br \/><div class=\"pt-cv-rmwrap\"><a href=\"https:\/\/www.dmsjuridica.com\/buscador_20179478954\/corteconstitucionalcronologico202454587\/t-1203-04\/\" class=\"_self pt-cv-readmore btn btn-success\" target=\"_self\">Ver Sentencia Completa...<\/a><\/div><\/div><\/div><\/div>\n<div class=\"col-md-12 col-sm-12 col-xs-12 pt-cv-content-item pt-cv-1-col\" ><div class='pt-cv-ifield'><a href=\"https:\/\/www.dmsjuridica.com\/buscador_20179478954\/corteconstitucionalcronologico202454587\/t-1202-04\/\" class=\"_self pt-cv-href-thumbnail pt-cv-thumb-default\" target=\"_self\" ><\/a>\n<div class=\"pt-cv-taxoterm above_title\"><a href='https:\/\/www.dmsjuridica.com\/buscador_20179478954\/corteconstitucionalcronologico202454587\/category\/buscar-en-toda-la-corte\/2004\/tutelas-2004\/' title='Tutelas 2004' class='pt-cv-tax-tutelas-2004'>Tutelas 2004<\/a><\/div>\n<h4 class=\"pt-cv-title\"><a href=\"https:\/\/www.dmsjuridica.com\/buscador_20179478954\/corteconstitucionalcronologico202454587\/t-1202-04\/\" class=\"_self\" target=\"_self\" >T-1202-04<\/a><\/h4>\n<div class=\"pt-cv-content\">\u00a0 \u00a0 Sentencia T-1202\/04 \u00a0 ACCION DE TUTELA CONTRA ENTIDAD PROMOTORA DE SALUD-Procedencia excepcional por incumplimiento de sentencia que protege el derecho a la salud de menor\/ACCION DE TUTELA-Inexistencia de temeridad para el caso\u00a0 \u00a0 Corresponde a los jueces de tutela verificar la procedencia del amparo cuando el reclamo de amparo sea a favor de los derechos fundamentales a la salud y a la vida de un menor, ya que la protecci\u00f3n especial constitucional a los ni\u00f1os es responsabilidad de todos y en tal medida, los jueces constitucionales est\u00e1n obligados a asistirlos y protegerlos para garantizar su desarrollo arm\u00f3nico e ...<br \/><div class=\"pt-cv-rmwrap\"><a href=\"https:\/\/www.dmsjuridica.com\/buscador_20179478954\/corteconstitucionalcronologico202454587\/t-1202-04\/\" class=\"_self pt-cv-readmore btn btn-success\" target=\"_self\">Ver Sentencia Completa...<\/a><\/div><\/div><\/div><\/div>\n<div class=\"col-md-12 col-sm-12 col-xs-12 pt-cv-content-item pt-cv-1-col\" ><div class='pt-cv-ifield'><a href=\"https:\/\/www.dmsjuridica.com\/buscador_20179478954\/corteconstitucionalcronologico202454587\/t-1201-04\/\" class=\"_self pt-cv-href-thumbnail pt-cv-thumb-default\" target=\"_self\" ><\/a>\n<div class=\"pt-cv-taxoterm above_title\"><a href='https:\/\/www.dmsjuridica.com\/buscador_20179478954\/corteconstitucionalcronologico202454587\/category\/buscar-en-toda-la-corte\/2004\/tutelas-2004\/' title='Tutelas 2004' class='pt-cv-tax-tutelas-2004'>Tutelas 2004<\/a><\/div>\n<h4 class=\"pt-cv-title\"><a href=\"https:\/\/www.dmsjuridica.com\/buscador_20179478954\/corteconstitucionalcronologico202454587\/t-1201-04\/\" class=\"_self\" target=\"_self\" >T-1201-04<\/a><\/h4>\n<div class=\"pt-cv-content\">\u00a0 \u00a0 Sentencia T-1201\/04 \u00a0 PENSION DE VEJEZ-Definici\u00f3n \u00a0 DERECHO A LA PENSION-Fundamental por conexidad \u00a0 DERECHO A LA PENSION-No puede afectarse por mora patronal en aportes \u00a0 En el presente caso se encuentra probado que el actor cumple con el requisito de edad para el reconocimiento de su pensi\u00f3n, pues se repite, el mismo naci\u00f3 el 27 de octubre de 1939, de igual manera se observa que el reconocimiento solicitado no se efectu\u00f3, porque varias de las empresas donde labor\u00f3 el Se\u00f1or Mej\u00eda Barrios no cotizaron oportunamente los aportes para pensi\u00f3n como correspond\u00eda. Al no haber ocurrido as\u00ed, es ...<br \/><div class=\"pt-cv-rmwrap\"><a href=\"https:\/\/www.dmsjuridica.com\/buscador_20179478954\/corteconstitucionalcronologico202454587\/t-1201-04\/\" class=\"_self pt-cv-readmore btn btn-success\" target=\"_self\">Ver Sentencia Completa...<\/a><\/div><\/div><\/div><\/div>\n<div class=\"col-md-12 col-sm-12 col-xs-12 pt-cv-content-item pt-cv-1-col\" ><div class='pt-cv-ifield'><a href=\"https:\/\/www.dmsjuridica.com\/buscador_20179478954\/corteconstitucionalcronologico202454587\/t-1200-04\/\" class=\"_self pt-cv-href-thumbnail pt-cv-thumb-default\" target=\"_self\" ><\/a>\n<div class=\"pt-cv-taxoterm above_title\"><a href='https:\/\/www.dmsjuridica.com\/buscador_20179478954\/corteconstitucionalcronologico202454587\/category\/buscar-en-toda-la-corte\/2004\/tutelas-2004\/' title='Tutelas 2004' class='pt-cv-tax-tutelas-2004'>Tutelas 2004<\/a><\/div>\n<h4 class=\"pt-cv-title\"><a href=\"https:\/\/www.dmsjuridica.com\/buscador_20179478954\/corteconstitucionalcronologico202454587\/t-1200-04\/\" class=\"_self\" target=\"_self\" >T-1200-04<\/a><\/h4>\n<div class=\"pt-cv-content\">\u00a0 \u00a0 Sentencia T-1200\/04 \u00a0 PERSONA DISMINUIDA FISICAMENTE-Protecci\u00f3n en circunstancia de debilidad manifiesta \u00a0 DERECHO DE PETICION EN MATERIA PENSIONAL-T\u00e9rmino de quince d\u00edas para resolver asuntos dentro del tr\u00e1mite de pensi\u00f3n \u00a0 DERECHO DE PETICION EN MATERIA PENSIONAL-T\u00e9rmino de cuatro y seis meses para resolver reconocimiento y pago\u00a0 \u00a0 DERECHO DE PETICION ANTE EL SEGURO SOCIAL-Resoluci\u00f3n oportuna, clara y de fondo \u00a0 DEBIDO PROCESO ADMINISTRATIVO-Alcance \u00a0 SEGURO SOCIAL-Deber de ordenar la calificaci\u00f3n de invalidez aunque \u00e9sta hubiese ocurrido antes de la inscripci\u00f3n a esta entidad \u00a0 Las normas referidas no prev\u00e9n una condici\u00f3n o limitante para efectos de que el ...<br \/><div class=\"pt-cv-rmwrap\"><a href=\"https:\/\/www.dmsjuridica.com\/buscador_20179478954\/corteconstitucionalcronologico202454587\/t-1200-04\/\" class=\"_self pt-cv-readmore btn btn-success\" target=\"_self\">Ver Sentencia Completa...<\/a><\/div><\/div><\/div><\/div>\n<div class=\"col-md-12 col-sm-12 col-xs-12 pt-cv-content-item pt-cv-1-col\" ><div class='pt-cv-ifield'><a href=\"https:\/\/www.dmsjuridica.com\/buscador_20179478954\/corteconstitucionalcronologico202454587\/t-1199-04\/\" class=\"_self pt-cv-href-thumbnail pt-cv-thumb-default\" target=\"_self\" ><\/a>\n<div class=\"pt-cv-taxoterm above_title\"><a href='https:\/\/www.dmsjuridica.com\/buscador_20179478954\/corteconstitucionalcronologico202454587\/category\/buscar-en-toda-la-corte\/2004\/tutelas-2004\/' title='Tutelas 2004' class='pt-cv-tax-tutelas-2004'>Tutelas 2004<\/a><\/div>\n<h4 class=\"pt-cv-title\"><a href=\"https:\/\/www.dmsjuridica.com\/buscador_20179478954\/corteconstitucionalcronologico202454587\/t-1199-04\/\" class=\"_self\" target=\"_self\" >T-1199-04<\/a><\/h4>\n<div class=\"pt-cv-content\">\u00a0 \u00a0 Sentencia T-1199\/04 \u00a0 DERECHO A LA SALUD DEL ENFERMO DE SIDA-Fundamental por conexidad con la vida \u00a0 DERECHO A LA SALUD DEL ENFERMO DE SIDA-Realizaci\u00f3n de diagn\u00f3stico y tratamiento aunque est\u00e9n excluidos del POS \u00a0 ENFERMO DE SIDA COMO SUJETO DE ESPECIAL PROTECCION FRENTE AL DERECHO A LA SALUD-Fundamental \u00a0 ENFERMO DE SIDA-Legislaci\u00f3n especial \u00a0 Referencia: expediente T-964105 \u00a0 Accionante: Astrid Yaneth Portilla Ortega \u00a0 Demandado: Coosalud ARS \u00a0 Magistrado Ponente:\u00a0 \u00a0 Dr. RODRIGO ESCOBAR GIL \u00a0 Bogot\u00e1, D.C., primero (1) de diciembre de dos mil cuatro (2004). \u00a0 La Sala Quinta de Revisi\u00f3n de la Corte Constitucional, ...<br \/><div class=\"pt-cv-rmwrap\"><a href=\"https:\/\/www.dmsjuridica.com\/buscador_20179478954\/corteconstitucionalcronologico202454587\/t-1199-04\/\" class=\"_self pt-cv-readmore btn btn-success\" target=\"_self\">Ver Sentencia Completa...<\/a><\/div><\/div><\/div><\/div>\n<div class=\"col-md-12 col-sm-12 col-xs-12 pt-cv-content-item pt-cv-1-col\" ><div class='pt-cv-ifield'><a href=\"https:\/\/www.dmsjuridica.com\/buscador_20179478954\/corteconstitucionalcronologico202454587\/t-1198-04\/\" class=\"_self pt-cv-href-thumbnail pt-cv-thumb-default\" target=\"_self\" ><\/a>\n<div class=\"pt-cv-taxoterm above_title\"><a href='https:\/\/www.dmsjuridica.com\/buscador_20179478954\/corteconstitucionalcronologico202454587\/category\/buscar-en-toda-la-corte\/2004\/tutelas-2004\/' title='Tutelas 2004' class='pt-cv-tax-tutelas-2004'>Tutelas 2004<\/a><\/div>\n<h4 class=\"pt-cv-title\"><a href=\"https:\/\/www.dmsjuridica.com\/buscador_20179478954\/corteconstitucionalcronologico202454587\/t-1198-04\/\" class=\"_self\" target=\"_self\" >T-1198-04<\/a><\/h4>\n<div class=\"pt-cv-content\">\u00a0 \u00a0 Sentencia T-1198\/04 \u00a0 INDEFENSION-Persona respecto a medios de informaci\u00f3n\/ACCION DE TUTELA CONTRA MEDIOS DE COMUNICACION-Solicitud previa de rectificaci\u00f3n de datos publicados \u00a0 DERECHO AL BUEN NOMBRE Y A LA HONRA-Protecci\u00f3n por tutela con independencia de mecanismos de protecci\u00f3n penal y civil \u00a0 Para la obtenci\u00f3n de un restablecimiento inmediato de la afectaci\u00f3n del buen nombre y de la honra, la acci\u00f3n de amparo constitucional constituye un medio de defensa eficaz e independiente de la eventual declaraci\u00f3n de la configuraci\u00f3n de una responsabilidad penal y civil. En efecto, la instauraci\u00f3n de una acci\u00f3n de tutela para solicitar una protecci\u00f3n ...<br \/><div class=\"pt-cv-rmwrap\"><a href=\"https:\/\/www.dmsjuridica.com\/buscador_20179478954\/corteconstitucionalcronologico202454587\/t-1198-04\/\" class=\"_self pt-cv-readmore btn btn-success\" target=\"_self\">Ver Sentencia Completa...<\/a><\/div><\/div><\/div><\/div>\n<div class=\"col-md-12 col-sm-12 col-xs-12 pt-cv-content-item pt-cv-1-col\" ><div class='pt-cv-ifield'><a href=\"https:\/\/www.dmsjuridica.com\/buscador_20179478954\/corteconstitucionalcronologico202454587\/t-1197-04\/\" class=\"_self pt-cv-href-thumbnail pt-cv-thumb-default\" target=\"_self\" ><\/a>\n<div class=\"pt-cv-taxoterm above_title\"><a href='https:\/\/www.dmsjuridica.com\/buscador_20179478954\/corteconstitucionalcronologico202454587\/category\/buscar-en-toda-la-corte\/2004\/tutelas-2004\/' title='Tutelas 2004' class='pt-cv-tax-tutelas-2004'>Tutelas 2004<\/a><\/div>\n<h4 class=\"pt-cv-title\"><a href=\"https:\/\/www.dmsjuridica.com\/buscador_20179478954\/corteconstitucionalcronologico202454587\/t-1197-04\/\" class=\"_self\" target=\"_self\" >T-1197-04<\/a><\/h4>\n<div class=\"pt-cv-content\">\u00a0 \u00a0 Sentencia T-1197\/04 \u00a0 INDEXACION DE LA PRIMERA MESADA PENSIONAL-Reiteraci\u00f3n jurisprudencial\u00a0 \u00a0 DERECHO A MANTENER EL PODER ADQUISITIVO DE LAS PENSIONES-Es un derecho constitucional pero no fundamental \u00a0 INDEXACION DE LA PRIMERA MESADA PENSIONAL-Amparo de derechos fundamentales \u00a0 INDEXACION DE LA PRIMERA MESADA PENSIONAL-Razones para reconocimiento por tutela \u00a0 Trat\u00e1ndose de la procedibilidad de la acci\u00f3n de tutela \u00a0para obtener la indexaci\u00f3n de la primera mesada pensional se debe establecer si: \u201c(i) el actor emple\u00f3 todos los medios de defensa ordinarios para obtener la satisfacci\u00f3n de su pretensi\u00f3n, (ii) si los jueces de conocimiento desconocieron el precedente constitucional al ...<br \/><div class=\"pt-cv-rmwrap\"><a href=\"https:\/\/www.dmsjuridica.com\/buscador_20179478954\/corteconstitucionalcronologico202454587\/t-1197-04\/\" class=\"_self pt-cv-readmore btn btn-success\" target=\"_self\">Ver Sentencia Completa...<\/a><\/div><\/div><\/div><\/div>\n<div class=\"col-md-12 col-sm-12 col-xs-12 pt-cv-content-item pt-cv-1-col\" ><div class='pt-cv-ifield'><a href=\"https:\/\/www.dmsjuridica.com\/buscador_20179478954\/corteconstitucionalcronologico202454587\/t-1196-04\/\" class=\"_self pt-cv-href-thumbnail pt-cv-thumb-default\" target=\"_self\" ><\/a>\n<div class=\"pt-cv-taxoterm above_title\"><a href='https:\/\/www.dmsjuridica.com\/buscador_20179478954\/corteconstitucionalcronologico202454587\/category\/buscar-en-toda-la-corte\/2004\/tutelas-2004\/' title='Tutelas 2004' class='pt-cv-tax-tutelas-2004'>Tutelas 2004<\/a><\/div>\n<h4 class=\"pt-cv-title\"><a href=\"https:\/\/www.dmsjuridica.com\/buscador_20179478954\/corteconstitucionalcronologico202454587\/t-1196-04\/\" class=\"_self\" target=\"_self\" >T-1196-04<\/a><\/h4>\n<div class=\"pt-cv-content\">\u00a0 \u00a0 Sentencia T-1196\/04 \u00a0 ACCION DE TUTELA CONTRA PARTICULARES-Presupuestos en los que procede \u00a0 INDEFENSION-Alcance \u00a0 SUBORDINACION-Alcance \u00a0 ACCION DE TUTELA CONTRA PARTICULARES-Improcedencia respecto de club social \u00a0 Sea por la aplicaci\u00f3n de los estatutos o por el ejercicio de las distintas funciones que los mismos confieren a las directivas de las organizaciones asociativas, es natural que se susciten discrepancias entre los socios y entre \u00e9stos y las asociaciones. Sin embargo, como reiteradamente lo ha dicho esta Corte, el \u00e1mbito natural de resoluci\u00f3n de estas controversias es la jurisdicci\u00f3n ordinaria y no la sede de tutela. \u00a0 Referencia: expediente ...<br \/><div class=\"pt-cv-rmwrap\"><a href=\"https:\/\/www.dmsjuridica.com\/buscador_20179478954\/corteconstitucionalcronologico202454587\/t-1196-04\/\" class=\"_self pt-cv-readmore btn btn-success\" target=\"_self\">Ver Sentencia Completa...<\/a><\/div><\/div><\/div><\/div>\n<div class=\"col-md-12 col-sm-12 col-xs-12 pt-cv-content-item pt-cv-1-col\" ><div class='pt-cv-ifield'><a href=\"https:\/\/www.dmsjuridica.com\/buscador_20179478954\/corteconstitucionalcronologico202454587\/t-1195-04\/\" class=\"_self pt-cv-href-thumbnail pt-cv-thumb-default\" target=\"_self\" ><\/a>\n<div class=\"pt-cv-taxoterm above_title\"><a href='https:\/\/www.dmsjuridica.com\/buscador_20179478954\/corteconstitucionalcronologico202454587\/category\/buscar-en-toda-la-corte\/2004\/tutelas-2004\/' title='Tutelas 2004' class='pt-cv-tax-tutelas-2004'>Tutelas 2004<\/a><\/div>\n<h4 class=\"pt-cv-title\"><a href=\"https:\/\/www.dmsjuridica.com\/buscador_20179478954\/corteconstitucionalcronologico202454587\/t-1195-04\/\" class=\"_self\" target=\"_self\" >T-1195-04<\/a><\/h4>\n<div class=\"pt-cv-content\">\u00a0 \u00a0 Sentencia T-1195\/04 \u00a0 JURISDICCION COACTIVA-Finalidad \u00a0 SEGURIDAD SOCIAL-Destinaci\u00f3n y uso de los recursos\/INSTITUCION DE SEGURIDAD SOCIAL-Recursos no se pueden destinar y utilizar para fines diferentes a ella \u00a0 SISTEMA GENERAL DE SEGURIDAD SOCIAL EN SALUD-Recursos son parafiscales \u00a0 Los recursos de la seguridad social que se captan no forman parte de los recursos del presupuesto nacional, puesto que \u00e9stos tienen una destinaci\u00f3n espec\u00edfica y son administrados por entes p\u00fablicos o por entidades de derecho privado. Las cotizaciones que se efect\u00faan dentro del sistema de la seguridad social, son un tributo que se le impone a un determinado grupo ...<br \/><div class=\"pt-cv-rmwrap\"><a href=\"https:\/\/www.dmsjuridica.com\/buscador_20179478954\/corteconstitucionalcronologico202454587\/t-1195-04\/\" class=\"_self pt-cv-readmore btn btn-success\" target=\"_self\">Ver Sentencia Completa...<\/a><\/div><\/div><\/div><\/div>\n<div class=\"col-md-12 col-sm-12 col-xs-12 pt-cv-content-item pt-cv-1-col\" ><div class='pt-cv-ifield'><a href=\"https:\/\/www.dmsjuridica.com\/buscador_20179478954\/corteconstitucionalcronologico202454587\/t-1194-04\/\" class=\"_self pt-cv-href-thumbnail pt-cv-thumb-default\" target=\"_self\" ><\/a>\n<div class=\"pt-cv-taxoterm above_title\"><a href='https:\/\/www.dmsjuridica.com\/buscador_20179478954\/corteconstitucionalcronologico202454587\/category\/buscar-en-toda-la-corte\/2004\/tutelas-2004\/' title='Tutelas 2004' class='pt-cv-tax-tutelas-2004'>Tutelas 2004<\/a><\/div>\n<h4 class=\"pt-cv-title\"><a href=\"https:\/\/www.dmsjuridica.com\/buscador_20179478954\/corteconstitucionalcronologico202454587\/t-1194-04\/\" class=\"_self\" target=\"_self\" >T-1194-04<\/a><\/h4>\n<div class=\"pt-cv-content\">\u00a0 \u00a0 Sentencia T-1194\/04 \u00a0 DERECHO DE PETICION EN MATERIA PENSIONAL-Alcance \u00a0 DERECHO DE PETICION EN MATERIA PENSIONAL-T\u00e9rmino de quince d\u00edas para resolver asuntos dentro del tr\u00e1mite de pensi\u00f3n \u00a0 DERECHO DE PETICION EN MATERIA PENSIONAL-T\u00e9rmino de cuatro y seis meses para resolver reconocimiento y pago\u00a0 \u00a0 DERECHO DE PETICION PARA RESOLVER PENSION DE SOBREVIVIENTES-T\u00e9rmino de dos meses \u00a0 DERECHO DE PETICION-Pronta resoluci\u00f3n y decisi\u00f3n de fondo \u00a0 Referencia: expediente T-945189 \u00a0 Acci\u00f3n de tutela instaurada por Odalicia Cecilia Amaris de Polanco contra el Grupo \u00a0Interno de Trabajo para la Gesti\u00f3n del Pasivo Social de la Empresa Puertos de Colombia ...<br \/><div class=\"pt-cv-rmwrap\"><a href=\"https:\/\/www.dmsjuridica.com\/buscador_20179478954\/corteconstitucionalcronologico202454587\/t-1194-04\/\" class=\"_self pt-cv-readmore btn btn-success\" target=\"_self\">Ver Sentencia Completa...<\/a><\/div><\/div><\/div><\/div>\n<div class=\"col-md-12 col-sm-12 col-xs-12 pt-cv-content-item pt-cv-1-col\" ><div class='pt-cv-ifield'><a href=\"https:\/\/www.dmsjuridica.com\/buscador_20179478954\/corteconstitucionalcronologico202454587\/t-1193-04\/\" class=\"_self pt-cv-href-thumbnail pt-cv-thumb-default\" target=\"_self\" ><\/a>\n<div class=\"pt-cv-taxoterm above_title\"><a href='https:\/\/www.dmsjuridica.com\/buscador_20179478954\/corteconstitucionalcronologico202454587\/category\/buscar-en-toda-la-corte\/2004\/tutelas-2004\/' title='Tutelas 2004' class='pt-cv-tax-tutelas-2004'>Tutelas 2004<\/a><\/div>\n<h4 class=\"pt-cv-title\"><a href=\"https:\/\/www.dmsjuridica.com\/buscador_20179478954\/corteconstitucionalcronologico202454587\/t-1193-04\/\" class=\"_self\" target=\"_self\" >T-1193-04<\/a><\/h4>\n<div class=\"pt-cv-content\">\u00a0 \u00a0 Sentencia T-1193\/04 \u00a0 DERECHO AL BUEN NOMBRE Y A LA HONRA-Protecci\u00f3n en el ordenamiento constitucional\u00a0 \u00a0 DERECHO AL BUEN NOMBRE Y A LA HONRA-Protecci\u00f3n por tutela con independencia de mecanismos de protecci\u00f3n penal \u00a0 La prosperidad de las acciones referidas depende en cada caso de la verificaci\u00f3n de elementos particulares que las diferencian en forma sustancial, al punto que la improsperidad de la acci\u00f3n penal no tiene como consecuencia forzosa la exclusi\u00f3n de la procedencia de la acci\u00f3n constitucional o de la acci\u00f3n civil respecto de un mismo supuesto. ese car\u00e1cter no excluyente de la acci\u00f3n constitucional y ...<br \/><div class=\"pt-cv-rmwrap\"><a href=\"https:\/\/www.dmsjuridica.com\/buscador_20179478954\/corteconstitucionalcronologico202454587\/t-1193-04\/\" class=\"_self pt-cv-readmore btn btn-success\" target=\"_self\">Ver Sentencia Completa...<\/a><\/div><\/div><\/div><\/div>\n<div class=\"col-md-12 col-sm-12 col-xs-12 pt-cv-content-item pt-cv-1-col\" ><div class='pt-cv-ifield'><a href=\"https:\/\/www.dmsjuridica.com\/buscador_20179478954\/corteconstitucionalcronologico202454587\/t-1192-04\/\" class=\"_self pt-cv-href-thumbnail pt-cv-thumb-default\" target=\"_self\" ><\/a>\n<div class=\"pt-cv-taxoterm above_title\"><a href='https:\/\/www.dmsjuridica.com\/buscador_20179478954\/corteconstitucionalcronologico202454587\/category\/buscar-en-toda-la-corte\/2004\/tutelas-2004\/' title='Tutelas 2004' class='pt-cv-tax-tutelas-2004'>Tutelas 2004<\/a><\/div>\n<h4 class=\"pt-cv-title\"><a href=\"https:\/\/www.dmsjuridica.com\/buscador_20179478954\/corteconstitucionalcronologico202454587\/t-1192-04\/\" class=\"_self\" target=\"_self\" >T-1192-04<\/a><\/h4>\n<div class=\"pt-cv-content\">\u00a0 \u00a0 Sentencia T-1192\/04 \u00a0 DERECHO A LA SALUD-Fundamental por conexidad con la vida digna \u00a0 ENTIDAD PROMOTORA DE SALUD-Requisitos para el suministro de medicamentos aunque no figure en lista del POS \u00a0 DERECHO A LA SALUD DEL DISMINUIDO FISICO Y PSIQUICO-Protecci\u00f3n especial por el Estado y las entidades promotoras de salud\u00a0 \u00a0 DERECHO A LA SALUD DEL ENFERMO MENTAL-Protecci\u00f3n inmediata por conexidad con otros derechos fundamentales \u00a0 COMITE TECNICO CIENTIFICO DE LA ENTIDAD PROMOTORA DE SALUD-Su concepto no es requisito indispensable para otorgar medicamentos o tratamientos \u00a0 DERECHO A LA SALUD-Vulneraci\u00f3n por demora injustificada en entrega de medicamentos \u00a0 ...<br \/><div class=\"pt-cv-rmwrap\"><a href=\"https:\/\/www.dmsjuridica.com\/buscador_20179478954\/corteconstitucionalcronologico202454587\/t-1192-04\/\" class=\"_self pt-cv-readmore btn btn-success\" target=\"_self\">Ver Sentencia Completa...<\/a><\/div><\/div><\/div><\/div>\n<div class=\"col-md-12 col-sm-12 col-xs-12 pt-cv-content-item pt-cv-1-col\" ><div class='pt-cv-ifield'><a href=\"https:\/\/www.dmsjuridica.com\/buscador_20179478954\/corteconstitucionalcronologico202454587\/t-1191-04\/\" class=\"_self pt-cv-href-thumbnail pt-cv-thumb-default\" target=\"_self\" ><\/a>\n<div class=\"pt-cv-taxoterm above_title\"><a href='https:\/\/www.dmsjuridica.com\/buscador_20179478954\/corteconstitucionalcronologico202454587\/category\/buscar-en-toda-la-corte\/2004\/tutelas-2004\/' title='Tutelas 2004' class='pt-cv-tax-tutelas-2004'>Tutelas 2004<\/a><\/div>\n<h4 class=\"pt-cv-title\"><a href=\"https:\/\/www.dmsjuridica.com\/buscador_20179478954\/corteconstitucionalcronologico202454587\/t-1191-04\/\" class=\"_self\" target=\"_self\" >T-1191-04<\/a><\/h4>\n<div class=\"pt-cv-content\">\u00a0 \u00a0 Sentencia T-1191\/04 \u00a0 LEGITIMACION POR PASIVA EN TUTELA-Identificaci\u00f3n del demandado\/LEGITIMACION POR ACTIVA EN TUTELA-Identificaci\u00f3n del demandante \u00a0 DERECHO AL BUEN NOMBRE Y A LA HONRA-Fundamental\/DERECHO A DEFENDER Y PROMOVER DERECHOS HUMANOS-Car\u00e1cter fundamental \u00a0 La Sala observa que los derechos para cuya protecci\u00f3n se interpone la acci\u00f3n en el presente caso son los de la honra, el buen nombre, la integridad f\u00edsica, la vida y \u201ca defender y promover los derechos humanos\u201d, todos ellos de rango fundamental. En efecto, la vida, el buen nombre y la honra son derechos de esta categor\u00eda por expresa definici\u00f3n de los art\u00edculos 11, ...<br \/><div class=\"pt-cv-rmwrap\"><a href=\"https:\/\/www.dmsjuridica.com\/buscador_20179478954\/corteconstitucionalcronologico202454587\/t-1191-04\/\" class=\"_self pt-cv-readmore btn btn-success\" target=\"_self\">Ver Sentencia Completa...<\/a><\/div><\/div><\/div><\/div>\n<div class=\"col-md-12 col-sm-12 col-xs-12 pt-cv-content-item pt-cv-1-col\" ><div class='pt-cv-ifield'><a href=\"https:\/\/www.dmsjuridica.com\/buscador_20179478954\/corteconstitucionalcronologico202454587\/t-1190-04\/\" class=\"_self pt-cv-href-thumbnail pt-cv-thumb-default\" target=\"_self\" ><\/a>\n<div class=\"pt-cv-taxoterm above_title\"><a href='https:\/\/www.dmsjuridica.com\/buscador_20179478954\/corteconstitucionalcronologico202454587\/category\/buscar-en-toda-la-corte\/2004\/tutelas-2004\/' title='Tutelas 2004' class='pt-cv-tax-tutelas-2004'>Tutelas 2004<\/a><\/div>\n<h4 class=\"pt-cv-title\"><a href=\"https:\/\/www.dmsjuridica.com\/buscador_20179478954\/corteconstitucionalcronologico202454587\/t-1190-04\/\" class=\"_self\" target=\"_self\" >T-1190-04<\/a><\/h4>\n<div class=\"pt-cv-content\">\u00a0 \u00a0 Sentencia T-1190\/04 \u00a0 ACCION DE TUTELA-Procedencia como mecanismo transitorio para evitar un perjuicio irremediable \u00a0 ACCION DE TUTELA-Elementos constitutivos del perjuicio irremediable en caso de Diputados \u00a0 PROCESO O SANCION DISCIPLINARIA-No vulnera el buen nombre ni la honra \u00a0 PERJUICIO IRREMEDIABLE-Inexistencia \u00a0 ACCION DE TUTELA-Improcedencia por no ejercicio oportuno de recursos \u00a0 Referencia: expediente T-974079 \u00a0 Peticionario: Edgar Guillermo Plazas Herrera \u00a0 Procedencia: Consejo Superior de la Judicatura \u2013Sala Jurisdiccional Disciplinaria-. \u00a0 Magistrado Ponente: \u00a0 Dr. MARCO GERARDO MONROY CABRA \u00a0 Bogota D.C., veinticinco (25) de noviembre de dos mil cuatro (2004) \u00a0 S E N T E ...<br \/><div class=\"pt-cv-rmwrap\"><a href=\"https:\/\/www.dmsjuridica.com\/buscador_20179478954\/corteconstitucionalcronologico202454587\/t-1190-04\/\" class=\"_self pt-cv-readmore btn btn-success\" target=\"_self\">Ver Sentencia Completa...<\/a><\/div><\/div><\/div><\/div>\n<div class=\"col-md-12 col-sm-12 col-xs-12 pt-cv-content-item pt-cv-1-col\" ><div class='pt-cv-ifield'><a href=\"https:\/\/www.dmsjuridica.com\/buscador_20179478954\/corteconstitucionalcronologico202454587\/t-119-04\/\" class=\"_self pt-cv-href-thumbnail pt-cv-thumb-default\" target=\"_self\" ><\/a>\n<div class=\"pt-cv-taxoterm above_title\"><a href='https:\/\/www.dmsjuridica.com\/buscador_20179478954\/corteconstitucionalcronologico202454587\/category\/buscar-en-toda-la-corte\/2004\/tutelas-2004\/' title='Tutelas 2004' class='pt-cv-tax-tutelas-2004'>Tutelas 2004<\/a><\/div>\n<h4 class=\"pt-cv-title\"><a href=\"https:\/\/www.dmsjuridica.com\/buscador_20179478954\/corteconstitucionalcronologico202454587\/t-119-04\/\" class=\"_self\" target=\"_self\" >T-119-04<\/a><\/h4>\n<div class=\"pt-cv-content\">\u00a0 \u00a0 Sentencia T-119\/04 \u00a0 ACCION DE TUTELA-No expedici\u00f3n bono pensional para reliquidaci\u00f3n pensi\u00f3n de sobreviviente \u00a0 ACCION DE TUTELA-Hecho superado por expedici\u00f3n y cancelaci\u00f3n del bono pensional \u00a0 Reiteraci\u00f3n de Jurisprudencia \u00a0 Referencia: expediente T-798293 \u00a0 Acci\u00f3n de tutela instaurada por ROSAL\u00cdA JARA DE QUEVEDO contra la Gobernaci\u00f3n del Meta. \u00a0 Magistrado Ponente: \u00a0 Dr. RODRIGO ESCOBAR GIL \u00a0 Bogot\u00e1, D. C., diecis\u00e9is (16) de febrero de dos mil cuatro (2004). \u00a0 La Sala Quinta de Revisi\u00f3n de la Corte Constitucional, en ejercicio de sus competencias constitucionales y legales, en particular las contenidas en los art\u00edculos 86 y 241, ...<br \/><div class=\"pt-cv-rmwrap\"><a href=\"https:\/\/www.dmsjuridica.com\/buscador_20179478954\/corteconstitucionalcronologico202454587\/t-119-04\/\" class=\"_self pt-cv-readmore btn btn-success\" target=\"_self\">Ver Sentencia Completa...<\/a><\/div><\/div><\/div><\/div>\n<div class=\"col-md-12 col-sm-12 col-xs-12 pt-cv-content-item pt-cv-1-col\" ><div class='pt-cv-ifield'><a href=\"https:\/\/www.dmsjuridica.com\/buscador_20179478954\/corteconstitucionalcronologico202454587\/t-1189-04\/\" class=\"_self pt-cv-href-thumbnail pt-cv-thumb-default\" target=\"_self\" ><\/a>\n<div class=\"pt-cv-taxoterm above_title\"><a href='https:\/\/www.dmsjuridica.com\/buscador_20179478954\/corteconstitucionalcronologico202454587\/category\/buscar-en-toda-la-corte\/2004\/tutelas-2004\/' title='Tutelas 2004' class='pt-cv-tax-tutelas-2004'>Tutelas 2004<\/a><\/div>\n<h4 class=\"pt-cv-title\"><a href=\"https:\/\/www.dmsjuridica.com\/buscador_20179478954\/corteconstitucionalcronologico202454587\/t-1189-04\/\" class=\"_self\" target=\"_self\" >T-1189-04<\/a><\/h4>\n<div class=\"pt-cv-content\">\u00a0 \u00a0 Sentencia T-1189\/04 \u00a0 ACCION DE TUTELA CONTRA PROVIDENCIAS JUDICIALES-Procedencia excepcional \u00a0 ACCION DE TUTELA CONTRA PROVIDENCIAS JUDICIALES POR VIA DE HECHO-Requisitos para que proceda \u00a0 DEBIDO PROCESO-Vulneraci\u00f3n por falta de notificaci\u00f3n personal a interno\/DERECHO DE DEFENSA EN PROCESO PENAL-Imposibilidad del procesado de conocer que se le adelantaba un proceso \u00a0 En diversos pronunciamientos esta Corporaci\u00f3n ha se\u00f1alado que la omisi\u00f3n de las autoridades judiciales en notificar debidamente las actuaciones del proceso constituye una violaci\u00f3n al debido proceso de tal gravedad, que da lugar a una nulidad procesal que, de no ser declarada, implica la configuraci\u00f3n de una v\u00eda ...<br \/><div class=\"pt-cv-rmwrap\"><a href=\"https:\/\/www.dmsjuridica.com\/buscador_20179478954\/corteconstitucionalcronologico202454587\/t-1189-04\/\" class=\"_self pt-cv-readmore btn btn-success\" target=\"_self\">Ver Sentencia Completa...<\/a><\/div><\/div><\/div><\/div>\n<div class=\"col-md-12 col-sm-12 col-xs-12 pt-cv-content-item pt-cv-1-col\" ><div class='pt-cv-ifield'><a href=\"https:\/\/www.dmsjuridica.com\/buscador_20179478954\/corteconstitucionalcronologico202454587\/t-1188-04\/\" class=\"_self pt-cv-href-thumbnail pt-cv-thumb-default\" target=\"_self\" ><\/a>\n<div class=\"pt-cv-taxoterm above_title\"><a href='https:\/\/www.dmsjuridica.com\/buscador_20179478954\/corteconstitucionalcronologico202454587\/category\/buscar-en-toda-la-corte\/2004\/tutelas-2004\/' title='Tutelas 2004' class='pt-cv-tax-tutelas-2004'>Tutelas 2004<\/a><\/div>\n<h4 class=\"pt-cv-title\"><a href=\"https:\/\/www.dmsjuridica.com\/buscador_20179478954\/corteconstitucionalcronologico202454587\/t-1188-04\/\" class=\"_self\" target=\"_self\" >T-1188-04<\/a><\/h4>\n<div class=\"pt-cv-content\">\u00a0 \u00a0 Sentencia T-1188\/04 \u00a0 ACCION DE TUTELA-Carencia actual de objeto por fallecimiento de la actora \u00a0 PRINCIPIO DE CONTINUIDAD EN EL SERVICIO DE SALUD-Prestaci\u00f3n sin interrupci\u00f3n\u00a0 \u00a0 La Corte ha se\u00f1alado que la prestaci\u00f3n del servicio p\u00fablico de salud por parte de las diferentes entidades encargadas, tanto en el r\u00e9gimen contributivo como en el subsidiado, debe caracterizarse por la no interrupci\u00f3n abrupta e injustificada de los tratamientos o medicamentos que se est\u00e9n suministrando para la efectiva protecci\u00f3n del derecho a la salud de los miembros del Sistema General de Seguridad Social en Salud. Es decir, debe respetar el principio ...<br \/><div class=\"pt-cv-rmwrap\"><a href=\"https:\/\/www.dmsjuridica.com\/buscador_20179478954\/corteconstitucionalcronologico202454587\/t-1188-04\/\" class=\"_self pt-cv-readmore btn btn-success\" target=\"_self\">Ver Sentencia Completa...<\/a><\/div><\/div><\/div><\/div>\n<div class=\"col-md-12 col-sm-12 col-xs-12 pt-cv-content-item pt-cv-1-col\" ><div class='pt-cv-ifield'><a href=\"https:\/\/www.dmsjuridica.com\/buscador_20179478954\/corteconstitucionalcronologico202454587\/t-1187-04\/\" class=\"_self pt-cv-href-thumbnail pt-cv-thumb-default\" target=\"_self\" ><\/a>\n<div class=\"pt-cv-taxoterm above_title\"><a href='https:\/\/www.dmsjuridica.com\/buscador_20179478954\/corteconstitucionalcronologico202454587\/category\/buscar-en-toda-la-corte\/2004\/tutelas-2004\/' title='Tutelas 2004' class='pt-cv-tax-tutelas-2004'>Tutelas 2004<\/a><\/div>\n<h4 class=\"pt-cv-title\"><a href=\"https:\/\/www.dmsjuridica.com\/buscador_20179478954\/corteconstitucionalcronologico202454587\/t-1187-04\/\" class=\"_self\" target=\"_self\" >T-1187-04<\/a><\/h4>\n<div class=\"pt-cv-content\">\u00a0 \u00a0 Sentencia T-1187\/04\u00a0 \u00a0 ACCION DE TUTELA-Improcedencia por no vulnerar derechos fundamentales \u00a0 DEBIDO PROCESO ADMINISTRATIVO-No vulneraci\u00f3n por cancelaci\u00f3n de cupo a estudiante\u00a0 \u00a0 Acci\u00f3n de tutela de Aura Isabel Camargo Quinchia, contra Universidad Distrital Francisco Jos\u00e9 de Caldas. \u00a0 Procedencia: Juzgado Tercero Civil Municipal de Bogot\u00e1. \u00a0 Magistrado Ponente: \u00a0 Dr. ALFREDO BELTR\u00c1N SIERRA. \u00a0 Bogot\u00e1, D.C., dos (2) de diciembre de dos mil cuatro (2004). \u00a0 La Sala Segunda (2a.) de Revisi\u00f3n de la Corte Constitucional, integrada por los magistrados, Alfredo Beltr\u00e1n Sierra, Manuel Jos\u00e9 Cepeda Espinosa y Jaime C\u00f3rdoba Trivi\u00f1o, en ejercicio de sus competencias constitucionales ...<br \/><div class=\"pt-cv-rmwrap\"><a href=\"https:\/\/www.dmsjuridica.com\/buscador_20179478954\/corteconstitucionalcronologico202454587\/t-1187-04\/\" class=\"_self pt-cv-readmore btn btn-success\" target=\"_self\">Ver Sentencia Completa...<\/a><\/div><\/div><\/div><\/div>\n<div class=\"col-md-12 col-sm-12 col-xs-12 pt-cv-content-item pt-cv-1-col\" ><div class='pt-cv-ifield'><a href=\"https:\/\/www.dmsjuridica.com\/buscador_20179478954\/corteconstitucionalcronologico202454587\/t-1186-04\/\" class=\"_self pt-cv-href-thumbnail pt-cv-thumb-default\" target=\"_self\" ><\/a>\n<div class=\"pt-cv-taxoterm above_title\"><a href='https:\/\/www.dmsjuridica.com\/buscador_20179478954\/corteconstitucionalcronologico202454587\/category\/buscar-en-toda-la-corte\/2004\/tutelas-2004\/' title='Tutelas 2004' class='pt-cv-tax-tutelas-2004'>Tutelas 2004<\/a><\/div>\n<h4 class=\"pt-cv-title\"><a href=\"https:\/\/www.dmsjuridica.com\/buscador_20179478954\/corteconstitucionalcronologico202454587\/t-1186-04\/\" class=\"_self\" target=\"_self\" >T-1186-04<\/a><\/h4>\n<div class=\"pt-cv-content\">\u00a0 \u00a0 Sentencia T-1186\/04 \u00a0 ESPACIO PUBLICO-Protecci\u00f3n constitucional\/ESPACIO PUBLICO-Preservaci\u00f3n \u00a0 BIENES DE USO PUBLICO-Caracter\u00edsticas por su naturaleza\/BIENES DE USO PUBLICO-Playas \u00a0 PLAYAS-Permisos para uso y goce de los particulares \u00a0 No estando entonces en discusi\u00f3n el car\u00e1cter de bien de uso p\u00fablico de las playas mar\u00edtimas, surge la siguiente pregunta \u00bfse pueden obtener permisos para su uso y goce por parte de los particulares? La respuesta es si, porque una cosa es la prohibici\u00f3n de la apropiaci\u00f3n por los particulares del espacio p\u00fablico y otra, que no se puedan conceder permisos para su uso, de acuerdo con las regulaciones legales, ...<br \/><div class=\"pt-cv-rmwrap\"><a href=\"https:\/\/www.dmsjuridica.com\/buscador_20179478954\/corteconstitucionalcronologico202454587\/t-1186-04\/\" class=\"_self pt-cv-readmore btn btn-success\" target=\"_self\">Ver Sentencia Completa...<\/a><\/div><\/div><\/div><\/div>\n<div class=\"col-md-12 col-sm-12 col-xs-12 pt-cv-content-item pt-cv-1-col\" ><div class='pt-cv-ifield'><a href=\"https:\/\/www.dmsjuridica.com\/buscador_20179478954\/corteconstitucionalcronologico202454587\/t-1185-04\/\" class=\"_self pt-cv-href-thumbnail pt-cv-thumb-default\" target=\"_self\" ><\/a>\n<div class=\"pt-cv-taxoterm above_title\"><a href='https:\/\/www.dmsjuridica.com\/buscador_20179478954\/corteconstitucionalcronologico202454587\/category\/buscar-en-toda-la-corte\/2004\/tutelas-2004\/' title='Tutelas 2004' class='pt-cv-tax-tutelas-2004'>Tutelas 2004<\/a><\/div>\n<h4 class=\"pt-cv-title\"><a href=\"https:\/\/www.dmsjuridica.com\/buscador_20179478954\/corteconstitucionalcronologico202454587\/t-1185-04\/\" class=\"_self\" target=\"_self\" >T-1185-04<\/a><\/h4>\n<div class=\"pt-cv-content\">\u00a0 \u00a0 Sentencia T-1185\/04 \u00a0 DERECHO A LA PENSION DE SOBREVIVIENTES-Alcance \u00a0 DERECHO A LA PENSION DE SOBREVIVIENTES-Fundamental \u00a0 DERECHOS DEL NI\u00d1O-Protecci\u00f3n constitucional especial \u00a0 TRATADO INTERNACIONAL-Interpretaci\u00f3n de los derechos infantiles \u00a0 CONVENCION AMERICANA SOBRE DERECHOS HUMANOS-Protecci\u00f3n del menor \u00a0 REVOCACION DIRECTA DE ACTO ADMINISTRATIVO PARTICULAR Y CONCRETO-Consentimiento expreso y escrito del titular \u00a0 REVOCACION DIRECTA DE ACTO ADMINISTRATIVO PARTICULAR Y CONCRETO-Procedencia\u00a0 \u00a0 DEBIDO PROCESO ADMINISTRATIVO-Revocaci\u00f3n unilateral de acto que reconoce situaci\u00f3n particular y concreta\/DEBIDO PROCESO-Revocaci\u00f3n pensi\u00f3n de sobrevivientes \u00a0 NOTIFICACION-Alcance \u00a0 DEBIDO PROCESO ADMINISTRATIVO-Vulneraci\u00f3n por ausencia de notificaci\u00f3n\u00a0 \u00a0 Referencia: expediente T-966845 \u00a0 Acci\u00f3n de tutela de la se\u00f1ora ...<br \/><div class=\"pt-cv-rmwrap\"><a href=\"https:\/\/www.dmsjuridica.com\/buscador_20179478954\/corteconstitucionalcronologico202454587\/t-1185-04\/\" class=\"_self pt-cv-readmore btn btn-success\" target=\"_self\">Ver Sentencia Completa...<\/a><\/div><\/div><\/div><\/div>\n<div class=\"col-md-12 col-sm-12 col-xs-12 pt-cv-content-item pt-cv-1-col\" ><div class='pt-cv-ifield'><a href=\"https:\/\/www.dmsjuridica.com\/buscador_20179478954\/corteconstitucionalcronologico202454587\/t-1184-04\/\" class=\"_self pt-cv-href-thumbnail pt-cv-thumb-default\" target=\"_self\" ><\/a>\n<div class=\"pt-cv-taxoterm above_title\"><a href='https:\/\/www.dmsjuridica.com\/buscador_20179478954\/corteconstitucionalcronologico202454587\/category\/buscar-en-toda-la-corte\/2004\/tutelas-2004\/' title='Tutelas 2004' class='pt-cv-tax-tutelas-2004'>Tutelas 2004<\/a><\/div>\n<h4 class=\"pt-cv-title\"><a href=\"https:\/\/www.dmsjuridica.com\/buscador_20179478954\/corteconstitucionalcronologico202454587\/t-1184-04\/\" class=\"_self\" target=\"_self\" >T-1184-04<\/a><\/h4>\n<div class=\"pt-cv-content\">\u00a0 \u00a0 Sentencia T-1184\/04 \u00a0 DERECHO A LA SALUD-Fundamental por conexidad con la vida digna\u00a0 \u00a0 ENFERMEDADES CATASTROFICAS O RUINOSAS-Suministro de tratamientos por EPS sin cumplir periodo m\u00ednimo de cotizaci\u00f3n \u00a0 ENFERMEDADES CATASTROFICAS O RUINOSAS-Suministro de tratamientos, medicamentos y realizaci\u00f3n de intervenciones quir\u00fargicas por EPS aunque no se encuentren dentro del POS \u00a0 Reiteraci\u00f3n de Jurisprudencia \u00a0 Referencia: expediente T-966965 \u00a0 Acci\u00f3n de tutela instaurada por Delio Quintero Pira contra Saludcoop EPS. \u00a0 Magistrado Ponente: \u00a0 Dr. MANUEL JOS\u00c9 CEPEDA ESPINOSA \u00a0 Bogot\u00e1, DC, veinticuatro (24) de noviembre de dos mil cuatro (2004). \u00a0 1. Delio quintero Pira present\u00f3 acci\u00f3n ...<br \/><div class=\"pt-cv-rmwrap\"><a href=\"https:\/\/www.dmsjuridica.com\/buscador_20179478954\/corteconstitucionalcronologico202454587\/t-1184-04\/\" class=\"_self pt-cv-readmore btn btn-success\" target=\"_self\">Ver Sentencia Completa...<\/a><\/div><\/div><\/div><\/div>\n<div class=\"col-md-12 col-sm-12 col-xs-12 pt-cv-content-item pt-cv-1-col\" ><div class='pt-cv-ifield'><a href=\"https:\/\/www.dmsjuridica.com\/buscador_20179478954\/corteconstitucionalcronologico202454587\/t-1183-04\/\" class=\"_self pt-cv-href-thumbnail pt-cv-thumb-default\" target=\"_self\" ><\/a>\n<div class=\"pt-cv-taxoterm above_title\"><a href='https:\/\/www.dmsjuridica.com\/buscador_20179478954\/corteconstitucionalcronologico202454587\/category\/buscar-en-toda-la-corte\/2004\/tutelas-2004\/' title='Tutelas 2004' class='pt-cv-tax-tutelas-2004'>Tutelas 2004<\/a><\/div>\n<h4 class=\"pt-cv-title\"><a href=\"https:\/\/www.dmsjuridica.com\/buscador_20179478954\/corteconstitucionalcronologico202454587\/t-1183-04\/\" class=\"_self\" target=\"_self\" >T-1183-04<\/a><\/h4>\n<div class=\"pt-cv-content\">\u00a0 \u00a0 Sentencia T-1183\/04 \u00a0 IUS VARIANDI-Discrecionalidad limitada de la administraci\u00f3n para variar sitio de trabajo de docentes\/ACCION DE TUTELA CONTRA SECRETARIA DE SALUD-Procedencia para protecci\u00f3n derechos de docente \u00a0 La discrecionalidad de las autoridades para ubicar a los funcionarios tiene l\u00edmites relativos a la efectividad los derechos fundamentales de \u00e9stos. En caso de verse los derechos amenazados por decisiones arbitrarias, los trabajadores pueden acudir a la acci\u00f3n de tutela para buscar su protecci\u00f3n, independientemente de los mecanismos judiciales contenciosos dise\u00f1ados para controvertir estas decisiones administrativas. \u00a0 DERECHO A LA ESTABILIDAD LABORAL REFORZADA DEL DISCAPACITADO-Protecci\u00f3n \u00a0 DERECHO AL TRABAJO-Aspectos determinantes ...<br \/><div class=\"pt-cv-rmwrap\"><a href=\"https:\/\/www.dmsjuridica.com\/buscador_20179478954\/corteconstitucionalcronologico202454587\/t-1183-04\/\" class=\"_self pt-cv-readmore btn btn-success\" target=\"_self\">Ver Sentencia Completa...<\/a><\/div><\/div><\/div><\/div>\n<div class=\"col-md-12 col-sm-12 col-xs-12 pt-cv-content-item pt-cv-1-col\" ><div class='pt-cv-ifield'><a href=\"https:\/\/www.dmsjuridica.com\/buscador_20179478954\/corteconstitucionalcronologico202454587\/t-1182-04\/\" class=\"_self pt-cv-href-thumbnail pt-cv-thumb-default\" target=\"_self\" ><\/a>\n<div class=\"pt-cv-taxoterm above_title\"><a href='https:\/\/www.dmsjuridica.com\/buscador_20179478954\/corteconstitucionalcronologico202454587\/category\/buscar-en-toda-la-corte\/2004\/tutelas-2004\/' title='Tutelas 2004' class='pt-cv-tax-tutelas-2004'>Tutelas 2004<\/a><\/div>\n<h4 class=\"pt-cv-title\"><a href=\"https:\/\/www.dmsjuridica.com\/buscador_20179478954\/corteconstitucionalcronologico202454587\/t-1182-04\/\" class=\"_self\" target=\"_self\" >T-1182-04<\/a><\/h4>\n<div class=\"pt-cv-content\">\u00a0 \u00a0 Sentencia T-1182\/04 \u00a0 ACCION DE TUTELA-Hecho superado por pago de pensi\u00f3n sustitutiva \u00a0 Reiteraci\u00f3n de Jurisprudencia \u00a0 Referencia: expediente: T-839125 \u00a0 Acci\u00f3n de tutela instaurada por Daylard Antonia Hurtado Rosero contra grupo Interno de Trabajo para la gesti\u00f3n del pasivo social de puertos de Colombia. \u00a0 Magistrado Ponente: \u00a0 Dr. MANUEL JOS\u00c9 CEPEDA ESPINOSA. \u00a0 Bogot\u00e1 D.C., veinticuatro (24) de noviembre de dos mil cuatro (2004). \u00a0 Esta Sala de Revisi\u00f3n advierte que, por tratarse en este caso de una sentencia de reiteraci\u00f3n, proceder\u00e1 a justificar su decisi\u00f3n brevemente, de conformidad con lo dispuesto en el art\u00edculo 35 ...<br \/><div class=\"pt-cv-rmwrap\"><a href=\"https:\/\/www.dmsjuridica.com\/buscador_20179478954\/corteconstitucionalcronologico202454587\/t-1182-04\/\" class=\"_self pt-cv-readmore btn btn-success\" target=\"_self\">Ver Sentencia Completa...<\/a><\/div><\/div><\/div><\/div>\n<div class=\"col-md-12 col-sm-12 col-xs-12 pt-cv-content-item pt-cv-1-col\" ><div class='pt-cv-ifield'><a href=\"https:\/\/www.dmsjuridica.com\/buscador_20179478954\/corteconstitucionalcronologico202454587\/t-1181-04\/\" class=\"_self pt-cv-href-thumbnail pt-cv-thumb-default\" target=\"_self\" ><\/a>\n<div class=\"pt-cv-taxoterm above_title\"><a href='https:\/\/www.dmsjuridica.com\/buscador_20179478954\/corteconstitucionalcronologico202454587\/category\/buscar-en-toda-la-corte\/2004\/tutelas-2004\/' title='Tutelas 2004' class='pt-cv-tax-tutelas-2004'>Tutelas 2004<\/a><\/div>\n<h4 class=\"pt-cv-title\"><a href=\"https:\/\/www.dmsjuridica.com\/buscador_20179478954\/corteconstitucionalcronologico202454587\/t-1181-04\/\" class=\"_self\" target=\"_self\" >T-1181-04<\/a><\/h4>\n<div class=\"pt-cv-content\">\u00a0 \u00a0 Sentencia T-1181\/04 \u00a0 DERECHO A LA SALUD-Fundamental por conexidad con la vida digna\u00a0 \u00a0 PRINCIPIO DE CONTINUIDAD POR ENTIDAD PROMOTORA DE SALUD-Suministro de medicamento suspendido por no estar incluido en el POS \u00a0 PRINCIPIO DE CONTINUIDAD POR ENTIDAD PROMOTORA DE SALUD-Casos en que no se puede suspender el tratamiento o el medicamento \u00a0 Como consecuencia del an\u00e1lisis de cada caso en concreto, se han venido estableciendo jurisprudencialmente algunas otras condiciones muy espec\u00edficas, seg\u00fan las cuales, las E.P.S. no pueden interrumpir el servicio m\u00e9dico que se viene prestando a un paciente, o suspender un tratamiento o un medicamento necesario ...<br \/><div class=\"pt-cv-rmwrap\"><a href=\"https:\/\/www.dmsjuridica.com\/buscador_20179478954\/corteconstitucionalcronologico202454587\/t-1181-04\/\" class=\"_self pt-cv-readmore btn btn-success\" target=\"_self\">Ver Sentencia Completa...<\/a><\/div><\/div><\/div><\/div>\n<div class=\"col-md-12 col-sm-12 col-xs-12 pt-cv-content-item pt-cv-1-col\" ><div class='pt-cv-ifield'><a href=\"https:\/\/www.dmsjuridica.com\/buscador_20179478954\/corteconstitucionalcronologico202454587\/t-1180-04\/\" class=\"_self pt-cv-href-thumbnail pt-cv-thumb-default\" target=\"_self\" ><\/a>\n<div class=\"pt-cv-taxoterm above_title\"><a href='https:\/\/www.dmsjuridica.com\/buscador_20179478954\/corteconstitucionalcronologico202454587\/category\/buscar-en-toda-la-corte\/2004\/tutelas-2004\/' title='Tutelas 2004' class='pt-cv-tax-tutelas-2004'>Tutelas 2004<\/a><\/div>\n<h4 class=\"pt-cv-title\"><a href=\"https:\/\/www.dmsjuridica.com\/buscador_20179478954\/corteconstitucionalcronologico202454587\/t-1180-04\/\" class=\"_self\" target=\"_self\" >T-1180-04<\/a><\/h4>\n<div class=\"pt-cv-content\">\u00a0 \u00a0 Sentencia T-1180\/04 \u00a0 ACCION DE TUTELA-Carencia actual de objeto por fallecimiento de la actora \u00a0 Referencia: expediente T-922849\u00a0 \u00a0 Acci\u00f3n de tutela instaurada por Eddy Bel\u00e9n Camargo Botello contra COMPENSAR E.P.S. \u00a0 \u00a0 Magistrado Ponente:\u00a0 \u00a0 Dr. JAIME C\u00d3RDOBA TRIVI\u00d1O \u00a0 Bogot\u00e1, D.C., veinticuatro (24) de noviembre de dos mil cuatro (2004).\u00a0 \u00a0 La Sala Cuarta de Revisi\u00f3n de la Corte Constitucional, integrada por los magistrados Jaime C\u00f3rdoba Trivi\u00f1o, Rodrigo Escobar Gil y Marco Gerardo Monroy Cabra, en ejercicio de sus competencias constitucionales y legales, profiere la siguiente \u00a0 SENTENCIA \u00a0 en el proceso de revisi\u00f3n del fallo ...<br \/><div class=\"pt-cv-rmwrap\"><a href=\"https:\/\/www.dmsjuridica.com\/buscador_20179478954\/corteconstitucionalcronologico202454587\/t-1180-04\/\" class=\"_self pt-cv-readmore btn btn-success\" target=\"_self\">Ver Sentencia Completa...<\/a><\/div><\/div><\/div><\/div>\n<div class=\"col-md-12 col-sm-12 col-xs-12 pt-cv-content-item pt-cv-1-col\" ><div class='pt-cv-ifield'><a href=\"https:\/\/www.dmsjuridica.com\/buscador_20179478954\/corteconstitucionalcronologico202454587\/t-1179-04\/\" class=\"_self pt-cv-href-thumbnail pt-cv-thumb-default\" target=\"_self\" ><\/a>\n<div class=\"pt-cv-taxoterm above_title\"><a href='https:\/\/www.dmsjuridica.com\/buscador_20179478954\/corteconstitucionalcronologico202454587\/category\/buscar-en-toda-la-corte\/2004\/tutelas-2004\/' title='Tutelas 2004' class='pt-cv-tax-tutelas-2004'>Tutelas 2004<\/a><\/div>\n<h4 class=\"pt-cv-title\"><a href=\"https:\/\/www.dmsjuridica.com\/buscador_20179478954\/corteconstitucionalcronologico202454587\/t-1179-04\/\" class=\"_self\" target=\"_self\" >T-1179-04<\/a><\/h4>\n<div class=\"pt-cv-content\">\u00a0 \u00a0 Sentencia T-1179\/04 \u00a0 DEBIDO PROCESO-Aplicaci\u00f3n \u00a0 PRINCIPIO DE PUBLICIDAD-Rige el debido proceso \u00a0 PRINCIPIO DE PUBLICIDAD DE LA FUNCION ADMINISTRATIVA-Notificaci\u00f3n de actos de la administraci\u00f3n \u00a0 La notificaci\u00f3n de las actuaciones de la Administraci\u00f3n P\u00fablica no es una simple formalidad procesal, sino que es considerada como un presupuesto para la eficacia de los actos administrativos, pues s\u00f3lo son oponibles a los afectados una vez hayan tenido conocimiento de su expedici\u00f3n. Esta notificaci\u00f3n se puede realizar a trav\u00e9s de diferentes medios seg\u00fan el tipo de acto que se trate. En los eventos en que se requiera una notificaci\u00f3n personal, ...<br \/><div class=\"pt-cv-rmwrap\"><a href=\"https:\/\/www.dmsjuridica.com\/buscador_20179478954\/corteconstitucionalcronologico202454587\/t-1179-04\/\" class=\"_self pt-cv-readmore btn btn-success\" target=\"_self\">Ver Sentencia Completa...<\/a><\/div><\/div><\/div><\/div>\n<div class=\"col-md-12 col-sm-12 col-xs-12 pt-cv-content-item pt-cv-1-col\" ><div class='pt-cv-ifield'><a href=\"https:\/\/www.dmsjuridica.com\/buscador_20179478954\/corteconstitucionalcronologico202454587\/t-1178-04\/\" class=\"_self pt-cv-href-thumbnail pt-cv-thumb-default\" target=\"_self\" ><\/a>\n<div class=\"pt-cv-taxoterm above_title\"><a href='https:\/\/www.dmsjuridica.com\/buscador_20179478954\/corteconstitucionalcronologico202454587\/category\/buscar-en-toda-la-corte\/2004\/tutelas-2004\/' title='Tutelas 2004' class='pt-cv-tax-tutelas-2004'>Tutelas 2004<\/a><\/div>\n<h4 class=\"pt-cv-title\"><a href=\"https:\/\/www.dmsjuridica.com\/buscador_20179478954\/corteconstitucionalcronologico202454587\/t-1178-04\/\" class=\"_self\" target=\"_self\" >T-1178-04<\/a><\/h4>\n<div class=\"pt-cv-content\">\u00a0 \u00a0 Sentencia T-1178\/04 \u00a0 ACCION DE TUTELA-Inaplicaci\u00f3n excepcional de la inmediatez \u00a0 La regla de inmediatez, de conformidad con el mismo precedente, debe aplicarse por parte del juez de tutela previa verificaci\u00f3n de las circunstancias del caso concreto que puedan justificar razonablemente la inactividad judicial de los afectados. Esta \u00faltima consideraci\u00f3n permite resolver la objeci\u00f3n planteada en el asunto de la referencia. N\u00f3tese como entre la terminaci\u00f3n de los contratos de trabajo de los accionantes y la fecha en que fue impetrada la acci\u00f3n de tutela transcurrieron cerca de tres a\u00f1os, lapso que se muestra prima facie irrazonable y ...<br \/><div class=\"pt-cv-rmwrap\"><a href=\"https:\/\/www.dmsjuridica.com\/buscador_20179478954\/corteconstitucionalcronologico202454587\/t-1178-04\/\" class=\"_self pt-cv-readmore btn btn-success\" target=\"_self\">Ver Sentencia Completa...<\/a><\/div><\/div><\/div><\/div>\n<div class=\"col-md-12 col-sm-12 col-xs-12 pt-cv-content-item pt-cv-1-col\" ><div class='pt-cv-ifield'><a href=\"https:\/\/www.dmsjuridica.com\/buscador_20179478954\/corteconstitucionalcronologico202454587\/t-117-04\/\" class=\"_self pt-cv-href-thumbnail pt-cv-thumb-default\" target=\"_self\" ><\/a>\n<div class=\"pt-cv-taxoterm above_title\"><a href='https:\/\/www.dmsjuridica.com\/buscador_20179478954\/corteconstitucionalcronologico202454587\/category\/buscar-en-toda-la-corte\/2004\/tutelas-2004\/' title='Tutelas 2004' class='pt-cv-tax-tutelas-2004'>Tutelas 2004<\/a><\/div>\n<h4 class=\"pt-cv-title\"><a href=\"https:\/\/www.dmsjuridica.com\/buscador_20179478954\/corteconstitucionalcronologico202454587\/t-117-04\/\" class=\"_self\" target=\"_self\" >T-117-04<\/a><\/h4>\n<div class=\"pt-cv-content\">\u00a0 \u00a0 Sentencia T-117\/04 \u00a0 AUTONOMIA UNIVERSITARIA-Exigencia de requisitos que garanticen la mejor calidad de educaci\u00f3n\/ABOGADO-Posibilidad de universidades de exigir mayores requisitos para obtener grado \u00a0 UNIVERSIDAD-Fijaci\u00f3n de ex\u00e1menes preparatorios para obtener t\u00edtulo de abogado \u00a0 DERECHO A LA EDUCACION-Implica el deber de cumplir con reglamentos educativos \u00a0 DERECHO A LA IGUALDAD-No se vulnera por aplicaci\u00f3n de efectos interpares para no otorgar grados sin el cumplimiento de requisitos exigidos \u00a0 El derecho a la igualdad no se viola cuando en virtud del efecto interpares conferido en la sentencia SU-783\/01, han de dejarse sin efectos aquellos grados otorgados sin el cumplimiento ...<br \/><div class=\"pt-cv-rmwrap\"><a href=\"https:\/\/www.dmsjuridica.com\/buscador_20179478954\/corteconstitucionalcronologico202454587\/t-117-04\/\" class=\"_self pt-cv-readmore btn btn-success\" target=\"_self\">Ver Sentencia Completa...<\/a><\/div><\/div><\/div><\/div>\n<div class=\"col-md-12 col-sm-12 col-xs-12 pt-cv-content-item pt-cv-1-col\" ><div class='pt-cv-ifield'><a href=\"https:\/\/www.dmsjuridica.com\/buscador_20179478954\/corteconstitucionalcronologico202454587\/t-1168-04\/\" class=\"_self pt-cv-href-thumbnail pt-cv-thumb-default\" target=\"_self\" ><\/a>\n<div class=\"pt-cv-taxoterm above_title\"><a href='https:\/\/www.dmsjuridica.com\/buscador_20179478954\/corteconstitucionalcronologico202454587\/category\/buscar-en-toda-la-corte\/2004\/tutelas-2004\/' title='Tutelas 2004' class='pt-cv-tax-tutelas-2004'>Tutelas 2004<\/a><\/div>\n<h4 class=\"pt-cv-title\"><a href=\"https:\/\/www.dmsjuridica.com\/buscador_20179478954\/corteconstitucionalcronologico202454587\/t-1168-04\/\" class=\"_self\" target=\"_self\" >T-1168-04<\/a><\/h4>\n<div class=\"pt-cv-content\">\u00a0 \u00a0 Sentencia T-1168\/04 \u00a0 DERECHO A LA SALUD Y A LA VIDA-Inaplicaci\u00f3n de periodos m\u00ednimos de cotizaci\u00f3n \u00a0 INAPLICACION DE NORMAS-Condiciones para que proceda por no suministro de tratamientos y medicamentos de alto costo\u00a0 \u00a0 Reiteraci\u00f3n de jurisprudencia \u00a0 \u00a0 Referencia: expediente T-955003 \u00a0 Acci\u00f3n de tutela promovida por M\u00f3nica Mar\u00eda Hoyos Bedoya contra SUSALUD. \u00a0 Magistrado Ponente: \u00a0 Dr. RODRIGO ESCOBAR GIL \u00a0 Bogot\u00e1, D.C., veintid\u00f3s (22) de noviembre de dos mil cuatro (2004). \u00a0 La Sala Quinta de Revisi\u00f3n de la Corte Constitucional, conformada por los Magistrados Rodrigo Escobar Gil, Marco Gerardo Monroy Cabra y Humberto Sierra ...<br \/><div class=\"pt-cv-rmwrap\"><a href=\"https:\/\/www.dmsjuridica.com\/buscador_20179478954\/corteconstitucionalcronologico202454587\/t-1168-04\/\" class=\"_self pt-cv-readmore btn btn-success\" target=\"_self\">Ver Sentencia Completa...<\/a><\/div><\/div><\/div><\/div>\n<div class=\"col-md-12 col-sm-12 col-xs-12 pt-cv-content-item pt-cv-1-col\" ><div class='pt-cv-ifield'><a href=\"https:\/\/www.dmsjuridica.com\/buscador_20179478954\/corteconstitucionalcronologico202454587\/t-1167-04\/\" class=\"_self pt-cv-href-thumbnail pt-cv-thumb-default\" target=\"_self\" ><\/a>\n<div class=\"pt-cv-taxoterm above_title\"><a href='https:\/\/www.dmsjuridica.com\/buscador_20179478954\/corteconstitucionalcronologico202454587\/category\/buscar-en-toda-la-corte\/2004\/tutelas-2004\/' title='Tutelas 2004' class='pt-cv-tax-tutelas-2004'>Tutelas 2004<\/a><\/div>\n<h4 class=\"pt-cv-title\"><a href=\"https:\/\/www.dmsjuridica.com\/buscador_20179478954\/corteconstitucionalcronologico202454587\/t-1167-04\/\" class=\"_self\" target=\"_self\" >T-1167-04<\/a><\/h4>\n<div class=\"pt-cv-content\">\u00a0 \u00a0 Sentencia T-1167\/04 \u00a0 DERECHO A LA SALUD-Fundamental por conexidad\u00a0 \u00a0 DERECHO A LA SALUD-Requisitos para suministro de medicamento excluido del POS \u00a0 La Corte ha decantado una s\u00f3lida jurisprudencia que conmina al juez de tutela a autorizar la entrega de dichos medicamentos cuando se presenta el lleno de cuatro requisitos: (i) la falta del medicamento o el procedimiento excluido por el POS amenaza los derechos fundamentales de la vida o la integridad personal del interesado; (ii) se trata de un medicamento que no puede ser sustituido por uno de los contemplados en el Plan Obligatorio de Salud o ...<br \/><div class=\"pt-cv-rmwrap\"><a href=\"https:\/\/www.dmsjuridica.com\/buscador_20179478954\/corteconstitucionalcronologico202454587\/t-1167-04\/\" class=\"_self pt-cv-readmore btn btn-success\" target=\"_self\">Ver Sentencia Completa...<\/a><\/div><\/div><\/div><\/div>\n<div class=\"col-md-12 col-sm-12 col-xs-12 pt-cv-content-item pt-cv-1-col\" ><div class='pt-cv-ifield'><a href=\"https:\/\/www.dmsjuridica.com\/buscador_20179478954\/corteconstitucionalcronologico202454587\/t-1166-04\/\" class=\"_self pt-cv-href-thumbnail pt-cv-thumb-default\" target=\"_self\" ><\/a>\n<div class=\"pt-cv-taxoterm above_title\"><a href='https:\/\/www.dmsjuridica.com\/buscador_20179478954\/corteconstitucionalcronologico202454587\/category\/buscar-en-toda-la-corte\/2004\/tutelas-2004\/' title='Tutelas 2004' class='pt-cv-tax-tutelas-2004'>Tutelas 2004<\/a><\/div>\n<h4 class=\"pt-cv-title\"><a href=\"https:\/\/www.dmsjuridica.com\/buscador_20179478954\/corteconstitucionalcronologico202454587\/t-1166-04\/\" class=\"_self\" target=\"_self\" >T-1166-04<\/a><\/h4>\n<div class=\"pt-cv-content\">\u00a0 \u00a0 Sentencia T-1166\/04 \u00a0 PERSONA JURIDICA-Titularidad de derechos fundamentales \u00a0 SINDICATO-Legitimaci\u00f3n para interponer tutela\/SINDICATO-Titularidad de derechos fundamentales \u00a0 DERECHO A LA ASOCIACION SINDICAL-Alcance \u00a0 Tiene dicho esta Corporaci\u00f3n que el derecho de asociaci\u00f3n sindical se caracteriza por ser un derecho subjetivo, de car\u00e1cter voluntario, relacional e instrumental. En este sentido, ha sostenido que la libertad de asociaci\u00f3n sindical comprende tres enfoques, a saber: a) Libertad individual de organizar sindicatos, cuyo pluralismo sindical est\u00e1 consagrado en el art\u00edculo 2\u00ba del Convenio 87 de la Organizaci\u00f3n Internacional del Trabajo; b) Libertad de sindicalizaci\u00f3n (o sindicaci\u00f3n), ya que nadie puede ser obligado ...<br \/><div class=\"pt-cv-rmwrap\"><a href=\"https:\/\/www.dmsjuridica.com\/buscador_20179478954\/corteconstitucionalcronologico202454587\/t-1166-04\/\" class=\"_self pt-cv-readmore btn btn-success\" target=\"_self\">Ver Sentencia Completa...<\/a><\/div><\/div><\/div><\/div>\n<div class=\"col-md-12 col-sm-12 col-xs-12 pt-cv-content-item pt-cv-1-col\" ><div class='pt-cv-ifield'><a href=\"https:\/\/www.dmsjuridica.com\/buscador_20179478954\/corteconstitucionalcronologico202454587\/t-1165-04\/\" class=\"_self pt-cv-href-thumbnail pt-cv-thumb-default\" target=\"_self\" ><\/a>\n<div class=\"pt-cv-taxoterm above_title\"><a href='https:\/\/www.dmsjuridica.com\/buscador_20179478954\/corteconstitucionalcronologico202454587\/category\/buscar-en-toda-la-corte\/2004\/tutelas-2004\/' title='Tutelas 2004' class='pt-cv-tax-tutelas-2004'>Tutelas 2004<\/a><\/div>\n<h4 class=\"pt-cv-title\"><a href=\"https:\/\/www.dmsjuridica.com\/buscador_20179478954\/corteconstitucionalcronologico202454587\/t-1165-04\/\" class=\"_self\" target=\"_self\" >T-1165-04<\/a><\/h4>\n<div class=\"pt-cv-content\">\u00a0 \u00a0 Sentencia T-1165\/04 \u00a0 LICENCIA DE MATERNIDAD-Procedencia excepcional de tutela para el pago cuando el m\u00ednimo vital de la madre se encuentre vulnerado\u00a0 \u00a0 LICENCIA DE MATERNIDAD-Fundamental por conexidad \u00a0 LICENCIA DE MATERNIDAD-Aportes al sistema por un periodo igual al de la gestaci\u00f3n\u00a0 \u00a0 LICENCIA DE MATERNIDAD-Procedencia excepcional de tutela para el pago cuando el m\u00ednimo vital de la madre se encuentre vulnerado \u00a0 LICENCIA DE MATERNIDAD-Plazo hasta de un a\u00f1o para reclamar por tutela \u00a0 LICENCIA DE MATERNIDAD-Pago por allanamiento a la mora por EPS \u00a0 Referencia: expedientes T-952128, T-952179 y 952184 (acumulados). \u00a0 Acciones de tutela instauradas ...<br \/><div class=\"pt-cv-rmwrap\"><a href=\"https:\/\/www.dmsjuridica.com\/buscador_20179478954\/corteconstitucionalcronologico202454587\/t-1165-04\/\" class=\"_self pt-cv-readmore btn btn-success\" target=\"_self\">Ver Sentencia Completa...<\/a><\/div><\/div><\/div><\/div>\n<div class=\"col-md-12 col-sm-12 col-xs-12 pt-cv-content-item pt-cv-1-col\" ><div class='pt-cv-ifield'><a href=\"https:\/\/www.dmsjuridica.com\/buscador_20179478954\/corteconstitucionalcronologico202454587\/t-1164-04\/\" class=\"_self pt-cv-href-thumbnail pt-cv-thumb-default\" target=\"_self\" ><\/a>\n<div class=\"pt-cv-taxoterm above_title\"><a href='https:\/\/www.dmsjuridica.com\/buscador_20179478954\/corteconstitucionalcronologico202454587\/category\/buscar-en-toda-la-corte\/2004\/tutelas-2004\/' title='Tutelas 2004' class='pt-cv-tax-tutelas-2004'>Tutelas 2004<\/a><\/div>\n<h4 class=\"pt-cv-title\"><a href=\"https:\/\/www.dmsjuridica.com\/buscador_20179478954\/corteconstitucionalcronologico202454587\/t-1164-04\/\" class=\"_self\" target=\"_self\" >T-1164-04<\/a><\/h4>\n<div class=\"pt-cv-content\">\u00a0 \u00a0 Sentencia T-1164\/04 \u00a0 ACCION DE TUTELA-Procedencia como mecanismo transitorio para evitar un perjuicio irremediable\/ACCION DE TUTELA-Procedencia excepcional para reconocimiento y pago de pensiones \u00a0 DEBIDO PROCESO ADMINISTRATIVO-Vulneraci\u00f3n por el ISS \u00a0 VIA DE HECHO EN PENSION DE JUBILACION Y REGIMEN DE TRANSICI\u00d3N EN PENSIONES-No aplicaci\u00f3n \u00a0 Esta Sala observa que a la accionante le es aplicable el r\u00e9gimen de transici\u00f3n, pues a 1 de abril de 1994, fecha en la cual entr\u00f3 en vigencia la ley 100 de 1993, la actora contaba con 51 a\u00f1os de edad, teniendo en cuenta que la demandante naci\u00f3 el 6 de febrero ...<br \/><div class=\"pt-cv-rmwrap\"><a href=\"https:\/\/www.dmsjuridica.com\/buscador_20179478954\/corteconstitucionalcronologico202454587\/t-1164-04\/\" class=\"_self pt-cv-readmore btn btn-success\" target=\"_self\">Ver Sentencia Completa...<\/a><\/div><\/div><\/div><\/div>\n<div class=\"col-md-12 col-sm-12 col-xs-12 pt-cv-content-item pt-cv-1-col\" ><div class='pt-cv-ifield'><a href=\"https:\/\/www.dmsjuridica.com\/buscador_20179478954\/corteconstitucionalcronologico202454587\/t-1163-04\/\" class=\"_self pt-cv-href-thumbnail pt-cv-thumb-default\" target=\"_self\" ><\/a>\n<div class=\"pt-cv-taxoterm above_title\"><a href='https:\/\/www.dmsjuridica.com\/buscador_20179478954\/corteconstitucionalcronologico202454587\/category\/buscar-en-toda-la-corte\/2004\/tutelas-2004\/' title='Tutelas 2004' class='pt-cv-tax-tutelas-2004'>Tutelas 2004<\/a><\/div>\n<h4 class=\"pt-cv-title\"><a href=\"https:\/\/www.dmsjuridica.com\/buscador_20179478954\/corteconstitucionalcronologico202454587\/t-1163-04\/\" class=\"_self\" target=\"_self\" >T-1163-04<\/a><\/h4>\n<div class=\"pt-cv-content\">\u00a0 \u00a0 Sentencia T-1163\/04 \u00a0 DERECHO A LA SALUD-Fundamental por conexidad\/DERECHO A LA SALUD-Fundamental aut\u00f3nomo \u00a0 INAPLICACION DE NORMAS DEL PLAN OBLIGATORIO DE SALUD-Hip\u00f3tesis f\u00e1cticas que la determinan \u00a0 DERECHO A LA SALUD-Incorpora el derecho al diagn\u00f3stico \u00a0 DERECHO A LA SEGURIDAD SOCIAL-Servicios vitales y esenciales para el mantenimiento de una vida digna \u00a0 Esta Sala observa que existi\u00f3 una actitud negligente por parte de la entidad demandada, por cuanto no atendi\u00f3 con la debida diligencia y prudencia, el caso de la actora. En este orden de ideas, tal y como ha sido se\u00f1alado, no es una excusa v\u00e1lida arg\u00fcir ...<br \/><div class=\"pt-cv-rmwrap\"><a href=\"https:\/\/www.dmsjuridica.com\/buscador_20179478954\/corteconstitucionalcronologico202454587\/t-1163-04\/\" class=\"_self pt-cv-readmore btn btn-success\" target=\"_self\">Ver Sentencia Completa...<\/a><\/div><\/div><\/div><\/div>\n<div class=\"col-md-12 col-sm-12 col-xs-12 pt-cv-content-item pt-cv-1-col\" ><div class='pt-cv-ifield'><a href=\"https:\/\/www.dmsjuridica.com\/buscador_20179478954\/corteconstitucionalcronologico202454587\/t-1162-04\/\" class=\"_self pt-cv-href-thumbnail pt-cv-thumb-default\" target=\"_self\" ><\/a>\n<div class=\"pt-cv-taxoterm above_title\"><a href='https:\/\/www.dmsjuridica.com\/buscador_20179478954\/corteconstitucionalcronologico202454587\/category\/buscar-en-toda-la-corte\/2004\/tutelas-2004\/' title='Tutelas 2004' class='pt-cv-tax-tutelas-2004'>Tutelas 2004<\/a><\/div>\n<h4 class=\"pt-cv-title\"><a href=\"https:\/\/www.dmsjuridica.com\/buscador_20179478954\/corteconstitucionalcronologico202454587\/t-1162-04\/\" class=\"_self\" target=\"_self\" >T-1162-04<\/a><\/h4>\n<div class=\"pt-cv-content\">\u00a0 \u00a0 Sentencia T-1162\/04 \u00a0 DERECHO A LA SALUD-Fundamental por conexidad \u00a0 ENTIDAD PROMOTORA DE SALUD-Obligaci\u00f3n de proporcionar los servicios prescritos por sus m\u00e9dicos aunque no se encuentren en el listado del POS \u00a0 DERECHO A LA SALUD-Prueba de la incapacidad econ\u00f3mica para asumir tratamiento\u00a0 \u00a0 ACCION DE TUTELA CONTRA ENTIDAD PROMOTORA DE SALUD-Procedencia por vulneraci\u00f3n al derecho a la salud en conexidad con la vida digna \u00a0 Reiteraci\u00f3n de jurisprudencia \u00a0 Referencia: expediente T-990724\u00a0 \u00a0 Acci\u00f3n de tutela instaurada por Segundo Fernando Ramos contra Comfenalco EPS, \u00a0Seccional Valle del Cauca1.\u00a0 \u00a0 Magistrado Ponente: \u00a0 Dr. MANUEL JOS\u00c9 CEPEDA ESPINOSA ...<br \/><div class=\"pt-cv-rmwrap\"><a href=\"https:\/\/www.dmsjuridica.com\/buscador_20179478954\/corteconstitucionalcronologico202454587\/t-1162-04\/\" class=\"_self pt-cv-readmore btn btn-success\" target=\"_self\">Ver Sentencia Completa...<\/a><\/div><\/div><\/div><\/div>\n<div class=\"col-md-12 col-sm-12 col-xs-12 pt-cv-content-item pt-cv-1-col\" ><div class='pt-cv-ifield'><a href=\"https:\/\/www.dmsjuridica.com\/buscador_20179478954\/corteconstitucionalcronologico202454587\/t-1161-04\/\" class=\"_self pt-cv-href-thumbnail pt-cv-thumb-default\" target=\"_self\" ><\/a>\n<div class=\"pt-cv-taxoterm above_title\"><a href='https:\/\/www.dmsjuridica.com\/buscador_20179478954\/corteconstitucionalcronologico202454587\/category\/buscar-en-toda-la-corte\/2004\/tutelas-2004\/' title='Tutelas 2004' class='pt-cv-tax-tutelas-2004'>Tutelas 2004<\/a><\/div>\n<h4 class=\"pt-cv-title\"><a href=\"https:\/\/www.dmsjuridica.com\/buscador_20179478954\/corteconstitucionalcronologico202454587\/t-1161-04\/\" class=\"_self\" target=\"_self\" >T-1161-04<\/a><\/h4>\n<div class=\"pt-cv-content\">\u00a0 \u00a0 Sentencia T-1161\/04 \u00a0 PROGRAMA DE RENOVACION DE LA ADMINISTRACION PUBLICA-Creaci\u00f3n, modificaci\u00f3n y supresi\u00f3n de cargos\/ESTABILIDAD LABORAL EN EL PROGRAMA DE RENOVACION DE LA ADMINISTRACION PUBLICA-Protecci\u00f3n especial \u00a0 Sea lo primero se\u00f1alar que la Administraci\u00f3n P\u00fablica est\u00e1 facultada para adecuar su funcionamiento a las necesidades del servicio, por lo tanto, se encuentra legitimada para crear, modificar, reorganizar y suprimir los cargos de su planta de personal, cuando las necesidades p\u00fablicas o las restricciones econ\u00f3micas se lo impongan, o cuando el desempe\u00f1o de los funcionarios as\u00ed lo exigen, en cumplimiento de los fines impuestos por el art\u00edculo 209 de la ...<br \/><div class=\"pt-cv-rmwrap\"><a href=\"https:\/\/www.dmsjuridica.com\/buscador_20179478954\/corteconstitucionalcronologico202454587\/t-1161-04\/\" class=\"_self pt-cv-readmore btn btn-success\" target=\"_self\">Ver Sentencia Completa...<\/a><\/div><\/div><\/div><\/div>\n<div class=\"col-md-12 col-sm-12 col-xs-12 pt-cv-content-item pt-cv-1-col\" ><div class='pt-cv-ifield'><a href=\"https:\/\/www.dmsjuridica.com\/buscador_20179478954\/corteconstitucionalcronologico202454587\/t-1160-04\/\" class=\"_self pt-cv-href-thumbnail pt-cv-thumb-default\" target=\"_self\" ><\/a>\n<div class=\"pt-cv-taxoterm above_title\"><a href='https:\/\/www.dmsjuridica.com\/buscador_20179478954\/corteconstitucionalcronologico202454587\/category\/buscar-en-toda-la-corte\/2004\/tutelas-2004\/' title='Tutelas 2004' class='pt-cv-tax-tutelas-2004'>Tutelas 2004<\/a><\/div>\n<h4 class=\"pt-cv-title\"><a href=\"https:\/\/www.dmsjuridica.com\/buscador_20179478954\/corteconstitucionalcronologico202454587\/t-1160-04\/\" class=\"_self\" target=\"_self\" >T-1160-04<\/a><\/h4>\n<div class=\"pt-cv-content\">\u00a0 \u00a0 Sentencia T-1160\/04 \u00a0 ACCION DE TUTELA-Procedencia por no existir ning\u00fan otro medio de defensa judicial \u00a0 ACCION DE TUTELA-P\u00e9rdida de vigencia por no ejercicio oportuno de la acci\u00f3n \u00a0 PROCESO DISCIPLINARIO-Notificaci\u00f3n oportuna de las variaciones en el pliego de cargos \u00a0 Se trata de que los cargos disciplinarios se concreten antes de la sentencia, y con la antelaci\u00f3n que requiere el inculpado para conocer la acusaci\u00f3n, alegar, contradecir y probar a su favor, en cuanto \u201cla garant\u00eda del derecho de defensa no beneficia solamente al acusado sino, tambi\u00e9n, es indispensable para el logro del fin esencial de todo ...<br \/><div class=\"pt-cv-rmwrap\"><a href=\"https:\/\/www.dmsjuridica.com\/buscador_20179478954\/corteconstitucionalcronologico202454587\/t-1160-04\/\" class=\"_self pt-cv-readmore btn btn-success\" target=\"_self\">Ver Sentencia Completa...<\/a><\/div><\/div><\/div><\/div>\n<div class=\"col-md-12 col-sm-12 col-xs-12 pt-cv-content-item pt-cv-1-col\" ><div class='pt-cv-ifield'><a href=\"https:\/\/www.dmsjuridica.com\/buscador_20179478954\/corteconstitucionalcronologico202454587\/t-116-04\/\" class=\"_self pt-cv-href-thumbnail pt-cv-thumb-default\" target=\"_self\" ><\/a>\n<div class=\"pt-cv-taxoterm above_title\"><a href='https:\/\/www.dmsjuridica.com\/buscador_20179478954\/corteconstitucionalcronologico202454587\/category\/buscar-en-toda-la-corte\/2004\/tutelas-2004\/' title='Tutelas 2004' class='pt-cv-tax-tutelas-2004'>Tutelas 2004<\/a><\/div>\n<h4 class=\"pt-cv-title\"><a href=\"https:\/\/www.dmsjuridica.com\/buscador_20179478954\/corteconstitucionalcronologico202454587\/t-116-04\/\" class=\"_self\" target=\"_self\" >T-116-04<\/a><\/h4>\n<div class=\"pt-cv-content\">\u00a0 \u00a0 Sentencia T-116\/04 \u00a0 PARAMETROS DE INTERPRETACION CONSTITUCIONAL PARA LA ADMINISTRACION-Alcance \u00a0 PRECEDENTE JUDICIAL-Administraci\u00f3n debe sujetarse a los par\u00e1metros definidos por la Corte Constitucional \u00a0 Conforme a las reglas que regulan el manejo del precedente judicial, el juez puede, bajo determinadas circunstancias, apartarse de la decisi\u00f3n de la Corte. No as\u00ed la administraci\u00f3n, que se encuentra sujeta a los par\u00e1metros definidos por la Corte Constitucional en esta materia y los jueces ordinarios en sus respectivos \u00e1mbitos de competencia. S\u00f3lo as\u00ed se asegura que la administraci\u00f3n est\u00e9 sujeta al derecho. Resulta claro que en los puntos que no han sido ...<br \/><div class=\"pt-cv-rmwrap\"><a href=\"https:\/\/www.dmsjuridica.com\/buscador_20179478954\/corteconstitucionalcronologico202454587\/t-116-04\/\" class=\"_self pt-cv-readmore btn btn-success\" target=\"_self\">Ver Sentencia Completa...<\/a><\/div><\/div><\/div><\/div>\n<div class=\"col-md-12 col-sm-12 col-xs-12 pt-cv-content-item pt-cv-1-col\" ><div class='pt-cv-ifield'><a href=\"https:\/\/www.dmsjuridica.com\/buscador_20179478954\/corteconstitucionalcronologico202454587\/t-1159-04\/\" class=\"_self pt-cv-href-thumbnail pt-cv-thumb-default\" target=\"_self\" ><\/a>\n<div class=\"pt-cv-taxoterm above_title\"><a href='https:\/\/www.dmsjuridica.com\/buscador_20179478954\/corteconstitucionalcronologico202454587\/category\/buscar-en-toda-la-corte\/2004\/tutelas-2004\/' title='Tutelas 2004' class='pt-cv-tax-tutelas-2004'>Tutelas 2004<\/a><\/div>\n<h4 class=\"pt-cv-title\"><a href=\"https:\/\/www.dmsjuridica.com\/buscador_20179478954\/corteconstitucionalcronologico202454587\/t-1159-04\/\" class=\"_self\" target=\"_self\" >T-1159-04<\/a><\/h4>\n<div class=\"pt-cv-content\">\u00a0 \u00a0 Sentencia T-1159\/04 \u00a0 LEGITIMACION POR ACTIVA EN TUTELA-Cualquier persona puede exigir el cumplimiento de los derechos de los ni\u00f1os \u00a0 DERECHO A LA EDUCACION-Fundamental \u00a0 EDUCACION-Derecho y servicio p\u00fablico con funci\u00f3n social \u00a0 DERECHO A LA EDUCACION-N\u00facleo esencial\/DERECHO A LA EDUCACION-Acceso y permanencia en el sistema educativo \u00a0 PRINCIPIO DE LA CONFIANZA LEGITIMA-Noci\u00f3n \u00a0 El principio de la confianza leg\u00edtima constituye una proyecci\u00f3n de la buena fe que debe gobernar la relaci\u00f3n entre las autoridades y los particulares y permite conciliar, en ocasiones, el inter\u00e9s general y los derechos de las personas. Esa confianza leg\u00edtima se fundamenta en ...<br \/><div class=\"pt-cv-rmwrap\"><a href=\"https:\/\/www.dmsjuridica.com\/buscador_20179478954\/corteconstitucionalcronologico202454587\/t-1159-04\/\" class=\"_self pt-cv-readmore btn btn-success\" target=\"_self\">Ver Sentencia Completa...<\/a><\/div><\/div><\/div><\/div>\n<div class=\"col-md-12 col-sm-12 col-xs-12 pt-cv-content-item pt-cv-1-col\" ><div class='pt-cv-ifield'><a href=\"https:\/\/www.dmsjuridica.com\/buscador_20179478954\/corteconstitucionalcronologico202454587\/t-1158-04\/\" class=\"_self pt-cv-href-thumbnail pt-cv-thumb-default\" target=\"_self\" ><\/a>\n<div class=\"pt-cv-taxoterm above_title\"><a href='https:\/\/www.dmsjuridica.com\/buscador_20179478954\/corteconstitucionalcronologico202454587\/category\/buscar-en-toda-la-corte\/2004\/tutelas-2004\/' title='Tutelas 2004' class='pt-cv-tax-tutelas-2004'>Tutelas 2004<\/a><\/div>\n<h4 class=\"pt-cv-title\"><a href=\"https:\/\/www.dmsjuridica.com\/buscador_20179478954\/corteconstitucionalcronologico202454587\/t-1158-04\/\" class=\"_self\" target=\"_self\" >T-1158-04<\/a><\/h4>\n<div class=\"pt-cv-content\">\u00a0 \u00a0 Sentencia T-1158\/04 \u00a0 DERECHO A LA SALUD DEL NI\u00d1O-Fundamental \u00a0 DERECHO A LA SALUD DEL NI\u00d1O-Suministro de medicamento comercial ordenado por el m\u00e9dico y no el gen\u00e9rico por la ARS \u00a0 DERECHO A LA SALUD-Reglamentaci\u00f3n de medicamentos comerciales y gen\u00e9ricos \u00a0 Referencia: expediente: T-949708 \u00a0 \u00a0 Accionante: Jaime Ariza Centeno\u00a0 \u00a0 Procedencia: Juzgado Quinto Penal del Circuito de Bucaramanga y el Tribunal Superior del Distrito Judicial, Sala de Decisi\u00f3n Penal de Bucaramanga \u00a0 Magistrado Ponente:\u00a0 \u00a0 Dr. MARCO GERARDO MONROY CABRA \u00a0 Bogot\u00e1 D.C., dieciocho (18) de noviembre de dos mil cuatro (2004) \u00a0 La Sala Sexta de ...<br \/><div class=\"pt-cv-rmwrap\"><a href=\"https:\/\/www.dmsjuridica.com\/buscador_20179478954\/corteconstitucionalcronologico202454587\/t-1158-04\/\" class=\"_self pt-cv-readmore btn btn-success\" target=\"_self\">Ver Sentencia Completa...<\/a><\/div><\/div><\/div><\/div>\n<div class=\"col-md-12 col-sm-12 col-xs-12 pt-cv-content-item pt-cv-1-col\" ><div class='pt-cv-ifield'><a href=\"https:\/\/www.dmsjuridica.com\/buscador_20179478954\/corteconstitucionalcronologico202454587\/t-1157-04\/\" class=\"_self pt-cv-href-thumbnail pt-cv-thumb-default\" target=\"_self\" ><\/a>\n<div class=\"pt-cv-taxoterm above_title\"><a href='https:\/\/www.dmsjuridica.com\/buscador_20179478954\/corteconstitucionalcronologico202454587\/category\/buscar-en-toda-la-corte\/2004\/tutelas-2004\/' title='Tutelas 2004' class='pt-cv-tax-tutelas-2004'>Tutelas 2004<\/a><\/div>\n<h4 class=\"pt-cv-title\"><a href=\"https:\/\/www.dmsjuridica.com\/buscador_20179478954\/corteconstitucionalcronologico202454587\/t-1157-04\/\" class=\"_self\" target=\"_self\" >T-1157-04<\/a><\/h4>\n<div class=\"pt-cv-content\">\u00a0 \u00a0 Sentencia T-1157\/04 \u00a0 ACCION DE TUTELA CONTRA ACTO ADMINISTRATIVO-Procedencia excepcional por v\u00eda de hecho\u00a0 \u00a0 ACCION DE TUTELA-Mecanismo excepcional y subsidiario \u00a0 PERJUICIO IRREMEDIABLE-Inexistencia \u00a0 Referencia: expediente T-946077 \u00a0 Peticionaria: Sandra Isabel Barrera Rengifo \u00a0 Procedencia: Corte Suprema de Justicia, Sala de Casaci\u00f3n Civil y Agraria \u00a0 Magistrado Ponente: \u00a0 Dr. MARCO GERARDO MONROY CABRA \u00a0 Bogot\u00e1 D.C., dieciocho (18) de noviembre de dos mil cuatro (2004) \u00a0 La Sala Sexta de Revisi\u00f3n de tutelas de la Corte Constitucional, conformada por los magistrados Marco Gerardo Monroy Cabra \u2013presidente -, Humberto Sierra Porto y \u00c1lvaro Tafur Galvis, ha proferido ...<br \/><div class=\"pt-cv-rmwrap\"><a href=\"https:\/\/www.dmsjuridica.com\/buscador_20179478954\/corteconstitucionalcronologico202454587\/t-1157-04\/\" class=\"_self pt-cv-readmore btn btn-success\" target=\"_self\">Ver Sentencia Completa...<\/a><\/div><\/div><\/div><\/div>\n<div class=\"col-md-12 col-sm-12 col-xs-12 pt-cv-content-item pt-cv-1-col\" ><div class='pt-cv-ifield'><a href=\"https:\/\/www.dmsjuridica.com\/buscador_20179478954\/corteconstitucionalcronologico202454587\/t-1156-04\/\" class=\"_self pt-cv-href-thumbnail pt-cv-thumb-default\" target=\"_self\" ><\/a>\n<div class=\"pt-cv-taxoterm above_title\"><a href='https:\/\/www.dmsjuridica.com\/buscador_20179478954\/corteconstitucionalcronologico202454587\/category\/buscar-en-toda-la-corte\/2004\/tutelas-2004\/' title='Tutelas 2004' class='pt-cv-tax-tutelas-2004'>Tutelas 2004<\/a><\/div>\n<h4 class=\"pt-cv-title\"><a href=\"https:\/\/www.dmsjuridica.com\/buscador_20179478954\/corteconstitucionalcronologico202454587\/t-1156-04\/\" class=\"_self\" target=\"_self\" >T-1156-04<\/a><\/h4>\n<div class=\"pt-cv-content\">\u00a0 \u00a0 Sentencia T-1156\/04 \u00a0 PODER DISCRECIONAL DE LA ADMINISTRACION-Libertad limitada sobre traslados \u00a0 TRASLADO DE DOCENTE-Presupuestos para que proceda \u00a0 En cuanto a la procedencia de la tutela en materia de traslados, la jurisprudencia consolidada de esta Corte, ha se\u00f1alado los condiciones necesarias para obtener, a trav\u00e9s de la acci\u00f3n de tutela, la modificaci\u00f3n de una decisi\u00f3n sobre traslados laborales: (i)Que la decisi\u00f3n sea ostensiblemente arbitraria, es decir, carezca de fundamento alguno en su expedici\u00f3n, (ii) que fuera adoptada en forma intempestiva y (iii) que afecte en forma clara, grave y directa los derechos fundamentales del actor o de ...<br \/><div class=\"pt-cv-rmwrap\"><a href=\"https:\/\/www.dmsjuridica.com\/buscador_20179478954\/corteconstitucionalcronologico202454587\/t-1156-04\/\" class=\"_self pt-cv-readmore btn btn-success\" target=\"_self\">Ver Sentencia Completa...<\/a><\/div><\/div><\/div><\/div>\n<div class=\"col-md-12 col-sm-12 col-xs-12 pt-cv-content-item pt-cv-1-col\" ><div class='pt-cv-ifield'><a href=\"https:\/\/www.dmsjuridica.com\/buscador_20179478954\/corteconstitucionalcronologico202454587\/t-1155-04\/\" class=\"_self pt-cv-href-thumbnail pt-cv-thumb-default\" target=\"_self\" ><\/a>\n<div class=\"pt-cv-taxoterm above_title\"><a href='https:\/\/www.dmsjuridica.com\/buscador_20179478954\/corteconstitucionalcronologico202454587\/category\/buscar-en-toda-la-corte\/2004\/tutelas-2004\/' title='Tutelas 2004' class='pt-cv-tax-tutelas-2004'>Tutelas 2004<\/a><\/div>\n<h4 class=\"pt-cv-title\"><a href=\"https:\/\/www.dmsjuridica.com\/buscador_20179478954\/corteconstitucionalcronologico202454587\/t-1155-04\/\" class=\"_self\" target=\"_self\" >T-1155-04<\/a><\/h4>\n<div class=\"pt-cv-content\">\u00a0 \u00a0 Sentencia T-1155\/04 \u00a0 ACCION DE TUTELA-Casos en que procede excepcionalmente pago de acreencias laborales\u00a0 \u00a0 DERECHO AL MINIMO VITAL DEL TRABAJADOR-Alcance \u00a0 DERECHO AL PAGO OPORTUNO DEL SALARIO-Fundamental \u00a0 DERECHO AL MINIMO VITAL-Prueba de la amenaza \u00a0 Referencia: expediente T-995801 \u00a0 Acci\u00f3n de tutela instaurada por el se\u00f1or Jos\u00e9 Dorsan Ferreira \u00a0contra \u00a0el Instituto Distrital de Tr\u00e1nsito y Transporte \u00a0de Santa Marta (Indistran). \u00a0 Procedencia: Juzgado Octavo Civil Municipal de Santa Marta- Magdalena.\u00a0 \u00a0 Magistrado Ponente:\u00a0 \u00a0 Dr. ALFREDO BELTR\u00c1N SIERRA. \u00a0 Bogot\u00e1, D. C., dieciocho \u00a0(18) de noviembre de dos mil cuatro (2004). \u00a0 La Sala Segunda ...<br \/><div class=\"pt-cv-rmwrap\"><a href=\"https:\/\/www.dmsjuridica.com\/buscador_20179478954\/corteconstitucionalcronologico202454587\/t-1155-04\/\" class=\"_self pt-cv-readmore btn btn-success\" target=\"_self\">Ver Sentencia Completa...<\/a><\/div><\/div><\/div><\/div>\n<div class=\"col-md-12 col-sm-12 col-xs-12 pt-cv-content-item pt-cv-1-col\" ><div class='pt-cv-ifield'><a href=\"https:\/\/www.dmsjuridica.com\/buscador_20179478954\/corteconstitucionalcronologico202454587\/t-1154-04\/\" class=\"_self pt-cv-href-thumbnail pt-cv-thumb-default\" target=\"_self\" ><\/a>\n<div class=\"pt-cv-taxoterm above_title\"><a href='https:\/\/www.dmsjuridica.com\/buscador_20179478954\/corteconstitucionalcronologico202454587\/category\/buscar-en-toda-la-corte\/2004\/tutelas-2004\/' title='Tutelas 2004' class='pt-cv-tax-tutelas-2004'>Tutelas 2004<\/a><\/div>\n<h4 class=\"pt-cv-title\"><a href=\"https:\/\/www.dmsjuridica.com\/buscador_20179478954\/corteconstitucionalcronologico202454587\/t-1154-04\/\" class=\"_self\" target=\"_self\" >T-1154-04<\/a><\/h4>\n<div class=\"pt-cv-content\">\u00a0 \u00a0 Sentencia T-1154\/04\u00a0 \u00a0 ACCION DE TUTELA CONTRA PROVIDENCIAS JUDICIALES-Procedencia excepcional \u00a0 ACCION DE TUTELA CONTRA PROVIDENCIAS JUDICIALES POR VIA DE HECHO-Requisitos para que proceda \u00a0 DEBIDO PROCESO-Vulneraci\u00f3n por dilaci\u00f3n injustificada \u00a0 TERMINO PROCESAL-Incumplimiento injustificado constituye violaci\u00f3n de los derechos fundamentales\u00a0 \u00a0 Quien presenta una demanda, interpone un recurso, formula una impugnaci\u00f3n o adelanta cualquier otra actuaci\u00f3n dentro de los t\u00e9rminos legales y estando habilitado por ley para hacerlo, tiene derecho a que se le resuelva del mismo modo, dentro de los t\u00e9rminos legales dispuestos para ello. De lo contrario, se le estar\u00eda desconociendo su derecho fundamental al debido ...<br \/><div class=\"pt-cv-rmwrap\"><a href=\"https:\/\/www.dmsjuridica.com\/buscador_20179478954\/corteconstitucionalcronologico202454587\/t-1154-04\/\" class=\"_self pt-cv-readmore btn btn-success\" target=\"_self\">Ver Sentencia Completa...<\/a><\/div><\/div><\/div><\/div>\n<div class=\"col-md-12 col-sm-12 col-xs-12 pt-cv-content-item pt-cv-1-col\" ><div class='pt-cv-ifield'><a href=\"https:\/\/www.dmsjuridica.com\/buscador_20179478954\/corteconstitucionalcronologico202454587\/t-1153-04\/\" class=\"_self pt-cv-href-thumbnail pt-cv-thumb-default\" target=\"_self\" ><\/a>\n<div class=\"pt-cv-taxoterm above_title\"><a href='https:\/\/www.dmsjuridica.com\/buscador_20179478954\/corteconstitucionalcronologico202454587\/category\/buscar-en-toda-la-corte\/2004\/tutelas-2004\/' title='Tutelas 2004' class='pt-cv-tax-tutelas-2004'>Tutelas 2004<\/a><\/div>\n<h4 class=\"pt-cv-title\"><a href=\"https:\/\/www.dmsjuridica.com\/buscador_20179478954\/corteconstitucionalcronologico202454587\/t-1153-04\/\" class=\"_self\" target=\"_self\" >T-1153-04<\/a><\/h4>\n<div class=\"pt-cv-content\">\u00a0 \u00a0 Sentencia T-1153\/04 \u00a0 DERECHO A LA SALUD-Fundamental por conexidad con la vida\u00a0 \u00a0 DERECHO A LA SALUD DE PERSONA DE LA TERCERA EDAD-Fundamental aut\u00f3nomo \u00a0 Se debe tener en cuenta que en el caso de las personas de la tercera edad, ese derecho a la salud se torna fundamental de manera aut\u00f3noma en virtud de la especial protecci\u00f3n que la Carta Pol\u00edtica da a las personas que se encuentren en dichas circunstancias y su particular conexidad en ese evento con los derechos a la vida y a la dignidad humana. \u00a0 INAPLICACION DE NORMAS DEL PLAN OBLIGATORIO DE ...<br \/><div class=\"pt-cv-rmwrap\"><a href=\"https:\/\/www.dmsjuridica.com\/buscador_20179478954\/corteconstitucionalcronologico202454587\/t-1153-04\/\" class=\"_self pt-cv-readmore btn btn-success\" target=\"_self\">Ver Sentencia Completa...<\/a><\/div><\/div><\/div><\/div>\n<div class=\"col-md-12 col-sm-12 col-xs-12 pt-cv-content-item pt-cv-1-col\" ><div class='pt-cv-ifield'><a href=\"https:\/\/www.dmsjuridica.com\/buscador_20179478954\/corteconstitucionalcronologico202454587\/t-1152-04\/\" class=\"_self pt-cv-href-thumbnail pt-cv-thumb-default\" target=\"_self\" ><\/a>\n<div class=\"pt-cv-taxoterm above_title\"><a href='https:\/\/www.dmsjuridica.com\/buscador_20179478954\/corteconstitucionalcronologico202454587\/category\/buscar-en-toda-la-corte\/2004\/tutelas-2004\/' title='Tutelas 2004' class='pt-cv-tax-tutelas-2004'>Tutelas 2004<\/a><\/div>\n<h4 class=\"pt-cv-title\"><a href=\"https:\/\/www.dmsjuridica.com\/buscador_20179478954\/corteconstitucionalcronologico202454587\/t-1152-04\/\" class=\"_self\" target=\"_self\" >T-1152-04<\/a><\/h4>\n<div class=\"pt-cv-content\">\u00a0 \u00a0 Sentencia T-1152\/04 \u00a0 ACCION DE TUTELA-Procedencia excepcional pago de acreencias laborales \u00a0 PENSION DE INVALIDEZ-Fundamental por conexidad \u00a0 ESTADO SOCIAL DE DERECHO-Protecci\u00f3n de personas en circunstancias de debilidad manifiesta \u00a0 PENSION DE INVALIDEZ-Falta de pago afecta el m\u00ednimo vital \u00a0 Referencia: expediente T-977288 \u00a0 Acci\u00f3n de tutela del se\u00f1or Agust\u00edn Duglas Bonete Alvarez, contra el Instituto de los Seguros Sociales Seccional Medell\u00edn .\u00a0 \u00a0 Procedencia: Tribunal Superior-Sala S\u00e9ptima de Decisi\u00f3n Laboral de Medell\u00edn. \u00a0 Magistrado Ponente:\u00a0 \u00a0 Dr. ALFREDO BELTR\u00c1N SIERRA \u00a0 Bogot\u00e1, D. C., dieciocho (18) de noviembre de dos mil cuatro (2004). \u00a0 La Sala Segunda ...<br \/><div class=\"pt-cv-rmwrap\"><a href=\"https:\/\/www.dmsjuridica.com\/buscador_20179478954\/corteconstitucionalcronologico202454587\/t-1152-04\/\" class=\"_self pt-cv-readmore btn btn-success\" target=\"_self\">Ver Sentencia Completa...<\/a><\/div><\/div><\/div><\/div>\n<div class=\"col-md-12 col-sm-12 col-xs-12 pt-cv-content-item pt-cv-1-col\" ><div class='pt-cv-ifield'><a href=\"https:\/\/www.dmsjuridica.com\/buscador_20179478954\/corteconstitucionalcronologico202454587\/t-1151-04\/\" class=\"_self pt-cv-href-thumbnail pt-cv-thumb-default\" target=\"_self\" ><\/a>\n<div class=\"pt-cv-taxoterm above_title\"><a href='https:\/\/www.dmsjuridica.com\/buscador_20179478954\/corteconstitucionalcronologico202454587\/category\/buscar-en-toda-la-corte\/2004\/tutelas-2004\/' title='Tutelas 2004' class='pt-cv-tax-tutelas-2004'>Tutelas 2004<\/a><\/div>\n<h4 class=\"pt-cv-title\"><a href=\"https:\/\/www.dmsjuridica.com\/buscador_20179478954\/corteconstitucionalcronologico202454587\/t-1151-04\/\" class=\"_self\" target=\"_self\" >T-1151-04<\/a><\/h4>\n<div class=\"pt-cv-content\">\u00a0 \u00a0 Sentencia T-1151\/04 \u00a0 ACCION DE TUTELA-Mecanismo excepcional y subsidiario \u00a0 ACCION DE TUTELA-Procedencia excepcional pago de acreencias laborales \u00a0 SUBSIDIO FAMILIAR-No es un derecho adquirido del trabajador\/SUBSIDIO FAMILIAR-Reconocimiento y pago no es susceptible por v\u00eda de tutela \u00a0 Referencia: expediente T-943673. \u00a0 Acci\u00f3n de Tutela instaurada por el se\u00f1or Jaime Arley Palacios C\u00f3rdoba, en representaci\u00f3n del menor Santiago Palacios Loaiza, contra La Direcci\u00f3n General de la Polic\u00eda Nacional. \u00a0 Procedencia: Corte Suprema de Justicia, Sala de Casaci\u00f3n Laboral. \u00a0 Magistrado Ponente: \u00a0 Dr. ALFREDO BELTR\u00c1N SIERRA. \u00a0 Bogot\u00e1 D. C., dieciocho \u00a0(18) de noviembre dos mil cuatro (2004) ...<br \/><div class=\"pt-cv-rmwrap\"><a href=\"https:\/\/www.dmsjuridica.com\/buscador_20179478954\/corteconstitucionalcronologico202454587\/t-1151-04\/\" class=\"_self pt-cv-readmore btn btn-success\" target=\"_self\">Ver Sentencia Completa...<\/a><\/div><\/div><\/div><\/div>\n<div class=\"col-md-12 col-sm-12 col-xs-12 pt-cv-content-item pt-cv-1-col\" ><div class='pt-cv-ifield'><a href=\"https:\/\/www.dmsjuridica.com\/buscador_20179478954\/corteconstitucionalcronologico202454587\/t-1150-04\/\" class=\"_self pt-cv-href-thumbnail pt-cv-thumb-default\" target=\"_self\" ><\/a>\n<div class=\"pt-cv-taxoterm above_title\"><a href='https:\/\/www.dmsjuridica.com\/buscador_20179478954\/corteconstitucionalcronologico202454587\/category\/buscar-en-toda-la-corte\/2004\/tutelas-2004\/' title='Tutelas 2004' class='pt-cv-tax-tutelas-2004'>Tutelas 2004<\/a><\/div>\n<h4 class=\"pt-cv-title\"><a href=\"https:\/\/www.dmsjuridica.com\/buscador_20179478954\/corteconstitucionalcronologico202454587\/t-1150-04\/\" class=\"_self\" target=\"_self\" >T-1150-04<\/a><\/h4>\n<div class=\"pt-cv-content\">\u00a0 \u00a0 Sentencia T-1150\/04 \u00a0 DERECHO DE PETICION-Alcance y pronta resoluci\u00f3n\/DERECHO DE PETICION-N\u00facleo esencial \u00a0 DERECHO DE PETICION FRENTE AL SILENCIO ADMINISTRATIVO NEGATIVO-Debe resolver la solicitud \u00a0 DERECHO DE PETICION EN MATERIA PENSIONAL-T\u00e9rmino de quince d\u00edas para resolver asuntos dentro del tr\u00e1mite de pensi\u00f3n \u00a0 DERECHO DE PETICION EN MATERIA PENSIONAL-T\u00e9rmino de cuatro y seis meses para resolver reconocimiento y pago\u00a0 \u00a0 Reiteraci\u00f3n de Jurisprudencia \u00a0 Acci\u00f3n de tutela instaurada por Mar\u00eda Arally Su\u00e1rez Tamayo contra el Instituto de Seguros Sociales. \u00a0 Magistrado Ponente: \u00a0 Dr. HUMBERTO ANTONIO SIERRA PORTO \u00a0 Bogot\u00e1, D. C., diecisiete (17) de noviembre de dos ...<br \/><div class=\"pt-cv-rmwrap\"><a href=\"https:\/\/www.dmsjuridica.com\/buscador_20179478954\/corteconstitucionalcronologico202454587\/t-1150-04\/\" class=\"_self pt-cv-readmore btn btn-success\" target=\"_self\">Ver Sentencia Completa...<\/a><\/div><\/div><\/div><\/div>\n<div class=\"col-md-12 col-sm-12 col-xs-12 pt-cv-content-item pt-cv-1-col\" ><div class='pt-cv-ifield'><a href=\"https:\/\/www.dmsjuridica.com\/buscador_20179478954\/corteconstitucionalcronologico202454587\/t-115-04\/\" class=\"_self pt-cv-href-thumbnail pt-cv-thumb-default\" target=\"_self\" ><\/a>\n<div class=\"pt-cv-taxoterm above_title\"><a href='https:\/\/www.dmsjuridica.com\/buscador_20179478954\/corteconstitucionalcronologico202454587\/category\/buscar-en-toda-la-corte\/2004\/tutelas-2004\/' title='Tutelas 2004' class='pt-cv-tax-tutelas-2004'>Tutelas 2004<\/a><\/div>\n<h4 class=\"pt-cv-title\"><a href=\"https:\/\/www.dmsjuridica.com\/buscador_20179478954\/corteconstitucionalcronologico202454587\/t-115-04\/\" class=\"_self\" target=\"_self\" >T-115-04<\/a><\/h4>\n<div class=\"pt-cv-content\">\u00a0 \u00a0 Sentencia T-115\/04 \u00a0 PROCESO POLICIVO-Procedencia de la tutela \u00a0 PROCESO POLICIVO-Controversias de naturaleza jurisprudencial \u00a0 En los juicios de amparo policivo no se discute ni decide sobre el derecho de dominio, sino que se limita a preservar o a restablecer la situaci\u00f3n de hecho al estado anterior (statu quo) a la perturbaci\u00f3n o a la p\u00e9rdida de la posesi\u00f3n o tenencia del demandante sobre el bien. En esos t\u00e9rminos, ese juicio ha sido asimilado a controversias de naturaleza jurisdiccional y la providencia que se dicta no es susceptible de recursos ante la jurisdicci\u00f3n de lo contencioso administrativo. \u00a0 ...<br \/><div class=\"pt-cv-rmwrap\"><a href=\"https:\/\/www.dmsjuridica.com\/buscador_20179478954\/corteconstitucionalcronologico202454587\/t-115-04\/\" class=\"_self pt-cv-readmore btn btn-success\" target=\"_self\">Ver Sentencia Completa...<\/a><\/div><\/div><\/div><\/div>\n<div class=\"col-md-12 col-sm-12 col-xs-12 pt-cv-content-item pt-cv-1-col\" ><div class='pt-cv-ifield'><a href=\"https:\/\/www.dmsjuridica.com\/buscador_20179478954\/corteconstitucionalcronologico202454587\/t-1149-04\/\" class=\"_self pt-cv-href-thumbnail pt-cv-thumb-default\" target=\"_self\" ><\/a>\n<div class=\"pt-cv-taxoterm above_title\"><a href='https:\/\/www.dmsjuridica.com\/buscador_20179478954\/corteconstitucionalcronologico202454587\/category\/buscar-en-toda-la-corte\/2004\/tutelas-2004\/' title='Tutelas 2004' class='pt-cv-tax-tutelas-2004'>Tutelas 2004<\/a><\/div>\n<h4 class=\"pt-cv-title\"><a href=\"https:\/\/www.dmsjuridica.com\/buscador_20179478954\/corteconstitucionalcronologico202454587\/t-1149-04\/\" class=\"_self\" target=\"_self\" >T-1149-04<\/a><\/h4>\n<div class=\"pt-cv-content\">\u00a0 \u00a0 Sentencia T-1149\/04 \u00a0 ACCION DE TUTELA CONTRA PARTICULARES-Presupuestos en los que procede \u00a0 De acuerdo con el art\u00edculo 86 superior, la procedencia de la acci\u00f3n de tutela contra particulares est\u00e1 supeditada a la existencia de uno de los siguientes presupuestos: a) Que el particular est\u00e9 encargado de la prestaci\u00f3n de un servicio p\u00fablico; b) Que el particular afecte gravemente el inter\u00e9s colectivo; c) Que el solicitante se encuentre en estado de subordinaci\u00f3n o indefensi\u00f3n frente al particular. \u00a0 ACCION DE TUTELA CONTRA ADMINISTRACION DE CONJUNTO RESIDENCIAL-Casos en que procede\u00a0 \u00a0 Esta Corporaci\u00f3n ha sostenido que la acci\u00f3n de ...<br \/><div class=\"pt-cv-rmwrap\"><a href=\"https:\/\/www.dmsjuridica.com\/buscador_20179478954\/corteconstitucionalcronologico202454587\/t-1149-04\/\" class=\"_self pt-cv-readmore btn btn-success\" target=\"_self\">Ver Sentencia Completa...<\/a><\/div><\/div><\/div><\/div>\n<div class=\"col-md-12 col-sm-12 col-xs-12 pt-cv-content-item pt-cv-1-col\" ><div class='pt-cv-ifield'><a href=\"https:\/\/www.dmsjuridica.com\/buscador_20179478954\/corteconstitucionalcronologico202454587\/t-1148-04\/\" class=\"_self pt-cv-href-thumbnail pt-cv-thumb-default\" target=\"_self\" ><\/a>\n<div class=\"pt-cv-taxoterm above_title\"><a href='https:\/\/www.dmsjuridica.com\/buscador_20179478954\/corteconstitucionalcronologico202454587\/category\/buscar-en-toda-la-corte\/2004\/tutelas-2004\/' title='Tutelas 2004' class='pt-cv-tax-tutelas-2004'>Tutelas 2004<\/a><\/div>\n<h4 class=\"pt-cv-title\"><a href=\"https:\/\/www.dmsjuridica.com\/buscador_20179478954\/corteconstitucionalcronologico202454587\/t-1148-04\/\" class=\"_self\" target=\"_self\" >T-1148-04<\/a><\/h4>\n<div class=\"pt-cv-content\">\u00a0 \u00a0 Sentencia T-1148\/04 \u00a0 DERECHO A LA SALUD-Fundamental por conexidad con la vida digna\u00a0 \u00a0 INAPLICACION DE NORMAS DEL PLAN OBLIGATORIO DE SALUD-Suministro de tratamiento de alto costo\u00a0 \u00a0 ACCION DE TUTELA-Improcedencia porque los medicamentos fueron ordenados por un m\u00e9dico no adscrito a la EPS \u00a0 Referencia: expediente T-953645 \u00a0 Acci\u00f3n de tutela instaurada por Gaby Ortiz Mu\u00f1oz contra el Instituto de Seguros Sociales, Seccional Cauca.\u00a0 \u00a0 Magistrado Ponente: \u00a0 Dr. HUMBERTO ANTONIO SIERRA PORTO. \u00a0 Bogot\u00e1 D. C., diecisiete (17) de noviembre de dos mil cuatro (2004). \u00a0 La Sala S\u00e9ptima de Revisi\u00f3n de la Corte Constitucional integrada ...<br \/><div class=\"pt-cv-rmwrap\"><a href=\"https:\/\/www.dmsjuridica.com\/buscador_20179478954\/corteconstitucionalcronologico202454587\/t-1148-04\/\" class=\"_self pt-cv-readmore btn btn-success\" target=\"_self\">Ver Sentencia Completa...<\/a><\/div><\/div><\/div><\/div>\n<div class=\"col-md-12 col-sm-12 col-xs-12 pt-cv-content-item pt-cv-1-col\" ><div class='pt-cv-ifield'><a href=\"https:\/\/www.dmsjuridica.com\/buscador_20179478954\/corteconstitucionalcronologico202454587\/t-1142-04\/\" class=\"_self pt-cv-href-thumbnail pt-cv-thumb-default\" target=\"_self\" ><\/a>\n<div class=\"pt-cv-taxoterm above_title\"><a href='https:\/\/www.dmsjuridica.com\/buscador_20179478954\/corteconstitucionalcronologico202454587\/category\/buscar-en-toda-la-corte\/2004\/tutelas-2004\/' title='Tutelas 2004' class='pt-cv-tax-tutelas-2004'>Tutelas 2004<\/a><\/div>\n<h4 class=\"pt-cv-title\"><a href=\"https:\/\/www.dmsjuridica.com\/buscador_20179478954\/corteconstitucionalcronologico202454587\/t-1142-04\/\" class=\"_self\" target=\"_self\" >T-1142-04<\/a><\/h4>\n<div class=\"pt-cv-content\">\u00a0 \u00a0 Sentencia T-1142\/04 \u00a0 ACCION DE TUTELA-Casos en que procede excepcionalmente pago de acreencias laborales\u00a0 \u00a0 DERECHO AL MINIMO VITAL DEL TRABAJADOR-Alcance \u00a0 DERECHO AL PAGO OPORTUNO DEL SALARIO-Fundamental \u00a0 DERECHO A LA SEGURIDAD SOCIAL DEL TRABAJADOR-Protecci\u00f3n por el Estado \u00a0 EMPLEADOR-Pago de aportes en seguridad social \u00a0 Reiteraci\u00f3n de Jurisprudencia \u00a0 Referencia: expediente T-978049 \u00a0 Acci\u00f3n de tutela instaurada por Ligia Mar\u00eda Rodr\u00edguez Mart\u00ednez contra la Fundaci\u00f3n San Juan de Dios. \u00a0 Magistrado Ponente: \u00a0 Dr. JAIME C\u00d3RDOBA TRIVI\u00d1O \u00a0 Bogot\u00e1, D.C., doce (12) de noviembre de dos mil cuatro (2004). \u00a0 La Sala Cuarta de Revisi\u00f3n de ...<br \/><div class=\"pt-cv-rmwrap\"><a href=\"https:\/\/www.dmsjuridica.com\/buscador_20179478954\/corteconstitucionalcronologico202454587\/t-1142-04\/\" class=\"_self pt-cv-readmore btn btn-success\" target=\"_self\">Ver Sentencia Completa...<\/a><\/div><\/div><\/div><\/div>\n<div class=\"col-md-12 col-sm-12 col-xs-12 pt-cv-content-item pt-cv-1-col\" ><div class='pt-cv-ifield'><a href=\"https:\/\/www.dmsjuridica.com\/buscador_20179478954\/corteconstitucionalcronologico202454587\/t-1141-04\/\" class=\"_self pt-cv-href-thumbnail pt-cv-thumb-default\" target=\"_self\" ><\/a>\n<div class=\"pt-cv-taxoterm above_title\"><a href='https:\/\/www.dmsjuridica.com\/buscador_20179478954\/corteconstitucionalcronologico202454587\/category\/buscar-en-toda-la-corte\/2004\/tutelas-2004\/' title='Tutelas 2004' class='pt-cv-tax-tutelas-2004'>Tutelas 2004<\/a><\/div>\n<h4 class=\"pt-cv-title\"><a href=\"https:\/\/www.dmsjuridica.com\/buscador_20179478954\/corteconstitucionalcronologico202454587\/t-1141-04\/\" class=\"_self\" target=\"_self\" >T-1141-04<\/a><\/h4>\n<div class=\"pt-cv-content\">\u00a0 \u00a0 Sentencia T-1141\/04 \u00a0 DERECHO A LA SALUD-Fundamental por conexidad\u00a0 \u00a0 INAPLICACION DE NORMAS DEL PLAN OBLIGATORIO DE SALUD-Hip\u00f3tesis f\u00e1cticas que la determinan \u00a0 ENTIDAD PROMOTORA DE SALUD-Suministro de medicamentos a paciente y repetici\u00f3n contra el Fosyga. \u00a0 Referencia: expediente T-962358 \u00a0 Acci\u00f3n de tutela instaurada por Jos\u00e9 Eleazar Sanabria contra Cajanal EPS.\u00a0 \u00a0 Magistrado Ponente: \u00a0 Dr. MANUEL JOS\u00c9 CEPEDA ESPINOSA \u00a0 Bogot\u00e1, D.C., doce (12) de noviembre de dos mil cuatro (2004) \u00a0 La Sala Tercera de Revisi\u00f3n de la Corte Constitucional, integrada por los magistrados, Manuel Jos\u00e9 Cepeda Espinosa, Jaime C\u00f3rdoba Trivi\u00f1o y Rodrigo Escobar Gil, ...<br \/><div class=\"pt-cv-rmwrap\"><a href=\"https:\/\/www.dmsjuridica.com\/buscador_20179478954\/corteconstitucionalcronologico202454587\/t-1141-04\/\" class=\"_self pt-cv-readmore btn btn-success\" target=\"_self\">Ver Sentencia Completa...<\/a><\/div><\/div><\/div><\/div>\n<div class=\"col-md-12 col-sm-12 col-xs-12 pt-cv-content-item pt-cv-1-col\" ><div class='pt-cv-ifield'><a href=\"https:\/\/www.dmsjuridica.com\/buscador_20179478954\/corteconstitucionalcronologico202454587\/t-1140-04\/\" class=\"_self pt-cv-href-thumbnail pt-cv-thumb-default\" target=\"_self\" ><\/a>\n<div class=\"pt-cv-taxoterm above_title\"><a href='https:\/\/www.dmsjuridica.com\/buscador_20179478954\/corteconstitucionalcronologico202454587\/category\/buscar-en-toda-la-corte\/2004\/tutelas-2004\/' title='Tutelas 2004' class='pt-cv-tax-tutelas-2004'>Tutelas 2004<\/a><\/div>\n<h4 class=\"pt-cv-title\"><a href=\"https:\/\/www.dmsjuridica.com\/buscador_20179478954\/corteconstitucionalcronologico202454587\/t-1140-04\/\" class=\"_self\" target=\"_self\" >T-1140-04<\/a><\/h4>\n<div class=\"pt-cv-content\">\u00a0 \u00a0 Sentencia T-1140\/04 \u00a0 ACCION DE TUTELA FRENTE A MEDIO DE DEFENSA JUDICIAL-Procedencia como mecanismo transitorio para evitar un perjuicio irremediable \u00a0 En el art\u00edculo 86 Superior: a pesar de la existencia de otros medios de defensa judicial, ser\u00e1 procedente la acci\u00f3n de tutela cuandoquiera que \u201cse utilice como mecanismo transitorio para evitar un perjuicio irremediable\u201d. La jurisprudencia de esta Corte ha se\u00f1alado que para efectos de esta disposici\u00f3n, \u00fanicamente se considerar\u00e1 que un perjuicio es irremediable cuando, de conformidad con las circunstancias del caso particular, sea (a) cierto e inminente \u2013esto es, que no se deba a meras ...<br \/><div class=\"pt-cv-rmwrap\"><a href=\"https:\/\/www.dmsjuridica.com\/buscador_20179478954\/corteconstitucionalcronologico202454587\/t-1140-04\/\" class=\"_self pt-cv-readmore btn btn-success\" target=\"_self\">Ver Sentencia Completa...<\/a><\/div><\/div><\/div><\/div>\n<div class=\"col-md-12 col-sm-12 col-xs-12 pt-cv-content-item pt-cv-1-col\" ><div class='pt-cv-ifield'><a href=\"https:\/\/www.dmsjuridica.com\/buscador_20179478954\/corteconstitucionalcronologico202454587\/t-114-04\/\" class=\"_self pt-cv-href-thumbnail pt-cv-thumb-default\" target=\"_self\" ><\/a>\n<div class=\"pt-cv-taxoterm above_title\"><a href='https:\/\/www.dmsjuridica.com\/buscador_20179478954\/corteconstitucionalcronologico202454587\/category\/buscar-en-toda-la-corte\/2004\/tutelas-2004\/' title='Tutelas 2004' class='pt-cv-tax-tutelas-2004'>Tutelas 2004<\/a><\/div>\n<h4 class=\"pt-cv-title\"><a href=\"https:\/\/www.dmsjuridica.com\/buscador_20179478954\/corteconstitucionalcronologico202454587\/t-114-04\/\" class=\"_self\" target=\"_self\" >T-114-04<\/a><\/h4>\n<div class=\"pt-cv-content\">\u00a0 \u00a0 Sentencia T-114\/04 \u00a0 DERECHOS DE LAS VICTIMAS POR FALTA DISCIPLINARIA QUE DESCONOCE EL DERECHO INTERNACIONAL DE LOS DERECHOS HUMANOS Y EL DERECHO INTERNACIONAL HUMANITARIO \u00a0 DERECHOS DE LAS VICTIMAS EN EL DERECHO INTERNACIONAL Y COMPARADO \u00a0 DERECHOS A LA VERDAD, JUSTICIA Y REPARACION-Deben reconocerse a v\u00edctimas de la comisi\u00f3n de una conducta punible \u00a0 Los derechos a la verdad, a la justicia y a la reparaci\u00f3n deben reconocerse en todos los procesos en que existan v\u00edctimas o perjudicados con la comisi\u00f3n de una conducta punible. Desde luego, el alcance de esos derechos ser\u00e1 diferente seg\u00fan se trate de ...<br \/><div class=\"pt-cv-rmwrap\"><a href=\"https:\/\/www.dmsjuridica.com\/buscador_20179478954\/corteconstitucionalcronologico202454587\/t-114-04\/\" class=\"_self pt-cv-readmore btn btn-success\" target=\"_self\">Ver Sentencia Completa...<\/a><\/div><\/div><\/div><\/div>\n<div class=\"col-md-12 col-sm-12 col-xs-12 pt-cv-content-item pt-cv-1-col\" ><div class='pt-cv-ifield'><a href=\"https:\/\/www.dmsjuridica.com\/buscador_20179478954\/corteconstitucionalcronologico202454587\/t-1139-04\/\" class=\"_self pt-cv-href-thumbnail pt-cv-thumb-default\" target=\"_self\" ><\/a>\n<div class=\"pt-cv-taxoterm above_title\"><a href='https:\/\/www.dmsjuridica.com\/buscador_20179478954\/corteconstitucionalcronologico202454587\/category\/buscar-en-toda-la-corte\/2004\/tutelas-2004\/' title='Tutelas 2004' class='pt-cv-tax-tutelas-2004'>Tutelas 2004<\/a><\/div>\n<h4 class=\"pt-cv-title\"><a href=\"https:\/\/www.dmsjuridica.com\/buscador_20179478954\/corteconstitucionalcronologico202454587\/t-1139-04\/\" class=\"_self\" target=\"_self\" >T-1139-04<\/a><\/h4>\n<div class=\"pt-cv-content\">\u00a0 \u00a0 Sentencia T-1139\/04 \u00a0 INCAUTACION Y DECOMISO DE TELEFONOS CELULARES-Por comercializar llamadas telef\u00f3nicas sin autorizaci\u00f3n \u00a0 Como se observa, la Ley 418 de 1997 dispuso que todos los equipos que utilizan el espectro electromagn\u00e9tico, salvo los equipos receptores de radiodifusi\u00f3n sonora y televisi\u00f3n, son de uso personal e intransferible. Ello indica que esos aparatos no pueden ser comercializados por los usuarios del servicio, a no ser que cuenten con el permiso requerido, y que la infracci\u00f3n a esta prohibici\u00f3n acarrea el decomiso de los equipos y la imposici\u00f3n de sanciones. Esta norma se aplica tambi\u00e9n a los tel\u00e9fonos celulares, ...<br \/><div class=\"pt-cv-rmwrap\"><a href=\"https:\/\/www.dmsjuridica.com\/buscador_20179478954\/corteconstitucionalcronologico202454587\/t-1139-04\/\" class=\"_self pt-cv-readmore btn btn-success\" target=\"_self\">Ver Sentencia Completa...<\/a><\/div><\/div><\/div><\/div>\n<div class=\"col-md-12 col-sm-12 col-xs-12 pt-cv-content-item pt-cv-1-col\" ><div class='pt-cv-ifield'><a href=\"https:\/\/www.dmsjuridica.com\/buscador_20179478954\/corteconstitucionalcronologico202454587\/t-1138-04\/\" class=\"_self pt-cv-href-thumbnail pt-cv-thumb-default\" target=\"_self\" ><\/a>\n<div class=\"pt-cv-taxoterm above_title\"><a href='https:\/\/www.dmsjuridica.com\/buscador_20179478954\/corteconstitucionalcronologico202454587\/category\/buscar-en-toda-la-corte\/2004\/tutelas-2004\/' title='Tutelas 2004' class='pt-cv-tax-tutelas-2004'>Tutelas 2004<\/a><\/div>\n<h4 class=\"pt-cv-title\"><a href=\"https:\/\/www.dmsjuridica.com\/buscador_20179478954\/corteconstitucionalcronologico202454587\/t-1138-04\/\" class=\"_self\" target=\"_self\" >T-1138-04<\/a><\/h4>\n<div class=\"pt-cv-content\">\u00a0 \u00a0 Sentencia T-1138\/04 \u00a0 AUTONOMIA UNIVERSITARIA-Desarrollo de programas acad\u00e9micos y otorgamiento de t\u00edtulos correspondientes \u00a0 AUTONOMIA UNIVERSITARIA-Exigencia de ex\u00e1menes preparatorios\/CARRERA DE DERECHO-Exigencia de ex\u00e1menes preparatorios \u00a0 AUTONOMIA UNIVERSITARIA EN CARRERA DE DERECHO-Requisito de aprobaci\u00f3n de ex\u00e1menes preparatorios para obtenci\u00f3n del t\u00edtulo \u00a0 ABOGADO-Requisitos para la obtenci\u00f3n del t\u00edtulo\/ABOGADO-Desarrollo normativo de requisito de ex\u00e1menes preparatorios \u00a0 DERECHO A LA IGUALDAD EN CARRERA DE DERECHO-Requisito adicionales para quienes terminaron materias antes de vigencia de ley \u00a0 Referencia expedientes T-809.034 y acumulados\u00a0 \u00a0 Acciones de tutela instauradas por Andrea Mar\u00eda Franco Gu\u00edo y otros contra la Universidad Santo Tom\u00e1s de Tunja y ...<br \/><div class=\"pt-cv-rmwrap\"><a href=\"https:\/\/www.dmsjuridica.com\/buscador_20179478954\/corteconstitucionalcronologico202454587\/t-1138-04\/\" class=\"_self pt-cv-readmore btn btn-success\" target=\"_self\">Ver Sentencia Completa...<\/a><\/div><\/div><\/div><\/div>\n<div class=\"col-md-12 col-sm-12 col-xs-12 pt-cv-content-item pt-cv-1-col\" ><div class='pt-cv-ifield'><a href=\"https:\/\/www.dmsjuridica.com\/buscador_20179478954\/corteconstitucionalcronologico202454587\/t-1137-04\/\" class=\"_self pt-cv-href-thumbnail pt-cv-thumb-default\" target=\"_self\" ><\/a>\n<div class=\"pt-cv-taxoterm above_title\"><a href='https:\/\/www.dmsjuridica.com\/buscador_20179478954\/corteconstitucionalcronologico202454587\/category\/buscar-en-toda-la-corte\/2004\/tutelas-2004\/' title='Tutelas 2004' class='pt-cv-tax-tutelas-2004'>Tutelas 2004<\/a><\/div>\n<h4 class=\"pt-cv-title\"><a href=\"https:\/\/www.dmsjuridica.com\/buscador_20179478954\/corteconstitucionalcronologico202454587\/t-1137-04\/\" class=\"_self\" target=\"_self\" >T-1137-04<\/a><\/h4>\n<div class=\"pt-cv-content\">\u00a0 \u00a0 Sentencia T-1137\/04 \u00a0 ACCION DE TUTELA CONTRA PROCURADURIA GENERAL DE LA NACION POR SANCION DISCIPLINARIA A GOBERNADOR-Procedencia \u00a0 La acci\u00f3n de tutela se erige como el medio id\u00f3neo para que quien fuera elegido Gobernador del Departamento del Caquet\u00e1, en los comicios del 26 de octubre del 2003, haya logrado ejercer el cargo por periodo constitucional que le corresponde, sin una interrupci\u00f3n significativa, lo que no habr\u00eda ocurrido de haber sometido dicho ejercicio al resultado de un proceso judicial de tr\u00e1mite ordinario, porque de esta forma se habr\u00eda truncando su proyecto pol\u00edtico y diluido, por consiguiente, la responsabilidad asumida ...<br \/><div class=\"pt-cv-rmwrap\"><a href=\"https:\/\/www.dmsjuridica.com\/buscador_20179478954\/corteconstitucionalcronologico202454587\/t-1137-04\/\" class=\"_self pt-cv-readmore btn btn-success\" target=\"_self\">Ver Sentencia Completa...<\/a><\/div><\/div><\/div><\/div>\n<div class=\"col-md-12 col-sm-12 col-xs-12 pt-cv-content-item pt-cv-1-col\" ><div class='pt-cv-ifield'><a href=\"https:\/\/www.dmsjuridica.com\/buscador_20179478954\/corteconstitucionalcronologico202454587\/t-1136-04\/\" class=\"_self pt-cv-href-thumbnail pt-cv-thumb-default\" target=\"_self\" ><\/a>\n<div class=\"pt-cv-taxoterm above_title\"><a href='https:\/\/www.dmsjuridica.com\/buscador_20179478954\/corteconstitucionalcronologico202454587\/category\/buscar-en-toda-la-corte\/2004\/tutelas-2004\/' title='Tutelas 2004' class='pt-cv-tax-tutelas-2004'>Tutelas 2004<\/a><\/div>\n<h4 class=\"pt-cv-title\"><a href=\"https:\/\/www.dmsjuridica.com\/buscador_20179478954\/corteconstitucionalcronologico202454587\/t-1136-04\/\" class=\"_self\" target=\"_self\" >T-1136-04<\/a><\/h4>\n<div class=\"pt-cv-content\">\u00a0 \u00a0 Sentencia T-1136\/04 \u00a0 INCAUTACION DE BIENES-Debe agotarse procedimiento para recuperarlos \u00a0 Las autoridades demandadas no han sido las causantes de las dificultades que ha tenido que soportar el actor para recuperar los bienes que le fueron incautados, as\u00ed como tampoco les es imputable la supuesta vulneraci\u00f3n de los derechos fundamentales a la vida, al trabajo y al debido proceso invocados por el demandante. Ha sido la falta de agotamiento del procedimiento debido ante la autoridad competente, lo que en esta oportunidad ha impedido la devoluci\u00f3n de los cilindros de gas incautados. Los derechos invocados no est\u00e1n siendo vulnerados ...<br \/><div class=\"pt-cv-rmwrap\"><a href=\"https:\/\/www.dmsjuridica.com\/buscador_20179478954\/corteconstitucionalcronologico202454587\/t-1136-04\/\" class=\"_self pt-cv-readmore btn btn-success\" target=\"_self\">Ver Sentencia Completa...<\/a><\/div><\/div><\/div><\/div>\n<div class=\"col-md-12 col-sm-12 col-xs-12 pt-cv-content-item pt-cv-1-col\" ><div class='pt-cv-ifield'><a href=\"https:\/\/www.dmsjuridica.com\/buscador_20179478954\/corteconstitucionalcronologico202454587\/t-1135-04\/\" class=\"_self pt-cv-href-thumbnail pt-cv-thumb-default\" target=\"_self\" ><\/a>\n<div class=\"pt-cv-taxoterm above_title\"><a href='https:\/\/www.dmsjuridica.com\/buscador_20179478954\/corteconstitucionalcronologico202454587\/category\/buscar-en-toda-la-corte\/2004\/tutelas-2004\/' title='Tutelas 2004' class='pt-cv-tax-tutelas-2004'>Tutelas 2004<\/a><\/div>\n<h4 class=\"pt-cv-title\"><a href=\"https:\/\/www.dmsjuridica.com\/buscador_20179478954\/corteconstitucionalcronologico202454587\/t-1135-04\/\" class=\"_self\" target=\"_self\" >T-1135-04<\/a><\/h4>\n<div class=\"pt-cv-content\">\u00a0 \u00a0 Sentencia T-1135\/04 \u00a0 DERECHO A LA SALUD-Fundamental por conexidad con la vida digna \u00a0 INAPLICACION DE NORMAS DEL PLAN OBLIGATORIO DE SALUD-Hip\u00f3tesis f\u00e1cticas que la determinan \u00a0 ENTIDAD PRESTADORA DE SALUD-No est\u00e1 obligada a practicar la cirug\u00eda ocular por no haber sido ordenada por un m\u00e9dico adscrito \u00a0 Referencia: expediente: T-962369 \u00a0 \u00a0 Accionante: Leidi Oliva C\u00f3rdoba\u00a0 \u00a0 Procedencia: Juzgado Veintitr\u00e9s Civil Municipal de Cali \u00a0 Magistrado Ponente:\u00a0 \u00a0 Dr. MARCO GERARDO MONROY CABRA \u00a0 Bogot\u00e1 D.C., once (11) de noviembre de dos mil cuatro (2004) \u00a0 La Sala Sexta de la Corte Constitucional, integrada por los Magistrados ...<br \/><div class=\"pt-cv-rmwrap\"><a href=\"https:\/\/www.dmsjuridica.com\/buscador_20179478954\/corteconstitucionalcronologico202454587\/t-1135-04\/\" class=\"_self pt-cv-readmore btn btn-success\" target=\"_self\">Ver Sentencia Completa...<\/a><\/div><\/div><\/div><\/div>\n<div class=\"col-md-12 col-sm-12 col-xs-12 pt-cv-content-item pt-cv-1-col\" ><div class='pt-cv-ifield'><a href=\"https:\/\/www.dmsjuridica.com\/buscador_20179478954\/corteconstitucionalcronologico202454587\/t-1134-04\/\" class=\"_self pt-cv-href-thumbnail pt-cv-thumb-default\" target=\"_self\" ><\/a>\n<div class=\"pt-cv-taxoterm above_title\"><a href='https:\/\/www.dmsjuridica.com\/buscador_20179478954\/corteconstitucionalcronologico202454587\/category\/buscar-en-toda-la-corte\/2004\/tutelas-2004\/' title='Tutelas 2004' class='pt-cv-tax-tutelas-2004'>Tutelas 2004<\/a><\/div>\n<h4 class=\"pt-cv-title\"><a href=\"https:\/\/www.dmsjuridica.com\/buscador_20179478954\/corteconstitucionalcronologico202454587\/t-1134-04\/\" class=\"_self\" target=\"_self\" >T-1134-04<\/a><\/h4>\n<div class=\"pt-cv-content\">\u00a0 \u00a0 Sentencia T-1134\/04 \u00a0 PRINCIPIO DE DIGNIDAD HUMANA-Naturaleza \u00a0 DERECHO A LA SALUD DEL INTERNO-Protecci\u00f3n por conexidad con derechos fundamentales \u00a0 PRINCIPIO DE DIGNIDAD HUMANA-Contenido material \u00a0 PRINCIPIO DE DIGNIDAD HUMANA DEL INTERNO-Respeto \u00a0 AUTORIDAD ADMINISTRATIVA CARCELARIA Y PENITENCIARIA-Potestad reglamentaria dentro de los par\u00e1metros de la Constituci\u00f3n y la ley colombiana\/DERECHOS FUNDAMENTALES DEL INTERNO-L\u00edmites razonables y proporcionales \u00a0 La potestad de reglamentaci\u00f3n interna de la autoridad administrativa carcelaria y penitenciaria envuelve, a su vez, la facultad para limitar o restringir algunos derechos fundamentales de las personas privadas de la libertad, en virtud de la relaci\u00f3n de especial sujeci\u00f3n que ...<br \/><div class=\"pt-cv-rmwrap\"><a href=\"https:\/\/www.dmsjuridica.com\/buscador_20179478954\/corteconstitucionalcronologico202454587\/t-1134-04\/\" class=\"_self pt-cv-readmore btn btn-success\" target=\"_self\">Ver Sentencia Completa...<\/a><\/div><\/div><\/div><\/div>\n<div class=\"col-md-12 col-sm-12 col-xs-12 pt-cv-content-item pt-cv-1-col\" ><div class='pt-cv-ifield'><a href=\"https:\/\/www.dmsjuridica.com\/buscador_20179478954\/corteconstitucionalcronologico202454587\/t-1133-04\/\" class=\"_self pt-cv-href-thumbnail pt-cv-thumb-default\" target=\"_self\" ><\/a>\n<div class=\"pt-cv-taxoterm above_title\"><a href='https:\/\/www.dmsjuridica.com\/buscador_20179478954\/corteconstitucionalcronologico202454587\/category\/buscar-en-toda-la-corte\/2004\/tutelas-2004\/' title='Tutelas 2004' class='pt-cv-tax-tutelas-2004'>Tutelas 2004<\/a><\/div>\n<h4 class=\"pt-cv-title\"><a href=\"https:\/\/www.dmsjuridica.com\/buscador_20179478954\/corteconstitucionalcronologico202454587\/t-1133-04\/\" class=\"_self\" target=\"_self\" >T-1133-04<\/a><\/h4>\n<div class=\"pt-cv-content\">\u00a0 \u00a0 Sentencia T-1133\/04 \u00a0 DERECHO A LA SALUD-Fundamental por conexidad \u00a0 REGIMEN SUBSIDIADO DE SALUD-Alcance\u00a0 \u00a0 SISBEN-Sistema de selecci\u00f3n de beneficiarios \u00a0 REGIMEN SUBSIDIADO DE SALUD-Car\u00e1cter transitorio de la calidad de vinculado\u00a0 \u00a0 En efecto, de conformidad con la normatividad que regula el r\u00e9gimen subsidiado de salud y la consolidada jurisprudencia de la Corte, despu\u00e9s de que la persona ha sido incluida en el Sisben, se considera como vinculado al sistema y por tanto, goza de la protecci\u00f3n que el Estado le otorga a trav\u00e9s de la entidades p\u00fablicas o privadas que contraten con \u00e9l, a\u00fan sin el requisito ...<br \/><div class=\"pt-cv-rmwrap\"><a href=\"https:\/\/www.dmsjuridica.com\/buscador_20179478954\/corteconstitucionalcronologico202454587\/t-1133-04\/\" class=\"_self pt-cv-readmore btn btn-success\" target=\"_self\">Ver Sentencia Completa...<\/a><\/div><\/div><\/div><\/div>\n<div class=\"col-md-12 col-sm-12 col-xs-12 pt-cv-content-item pt-cv-1-col\" ><div class='pt-cv-ifield'><a href=\"https:\/\/www.dmsjuridica.com\/buscador_20179478954\/corteconstitucionalcronologico202454587\/t-1132-04\/\" class=\"_self pt-cv-href-thumbnail pt-cv-thumb-default\" target=\"_self\" ><\/a>\n<div class=\"pt-cv-taxoterm above_title\"><a href='https:\/\/www.dmsjuridica.com\/buscador_20179478954\/corteconstitucionalcronologico202454587\/category\/buscar-en-toda-la-corte\/2004\/tutelas-2004\/' title='Tutelas 2004' class='pt-cv-tax-tutelas-2004'>Tutelas 2004<\/a><\/div>\n<h4 class=\"pt-cv-title\"><a href=\"https:\/\/www.dmsjuridica.com\/buscador_20179478954\/corteconstitucionalcronologico202454587\/t-1132-04\/\" class=\"_self\" target=\"_self\" >T-1132-04<\/a><\/h4>\n<div class=\"pt-cv-content\">\u00a0 \u00a0 Sentencia T-1132\/04 \u00a0 DERECHO A LA VIDA-Protecci\u00f3n especial de docente amenazado \u00a0 DERECHO AL TRABAJO-Pago de salario de docente amenazado \u00a0 PERSONAL DOCENTE AMENAZADO-Carga de la prueba en cabeza del amenazado no puede ser excesiva y dispendiosa \u00a0 Si bien es cierto que de la formaci\u00f3n de la convicci\u00f3n por parte de la autoridad p\u00fablica en torno a los supuestos de hecho constitutivos del riesgo excepcional, depende la intervenci\u00f3n directa del Estado, no puede exigirse que la carga probatoria en cabeza del amenazado sea excesiva y dispendiosa, pues se har\u00eda nugatorio el deber de protecci\u00f3n que le compete ...<br \/><div class=\"pt-cv-rmwrap\"><a href=\"https:\/\/www.dmsjuridica.com\/buscador_20179478954\/corteconstitucionalcronologico202454587\/t-1132-04\/\" class=\"_self pt-cv-readmore btn btn-success\" target=\"_self\">Ver Sentencia Completa...<\/a><\/div><\/div><\/div><\/div>\n<div class=\"col-md-12 col-sm-12 col-xs-12 pt-cv-content-item pt-cv-1-col\" ><div class='pt-cv-ifield'><a href=\"https:\/\/www.dmsjuridica.com\/buscador_20179478954\/corteconstitucionalcronologico202454587\/t-1131-04\/\" class=\"_self pt-cv-href-thumbnail pt-cv-thumb-default\" target=\"_self\" ><\/a>\n<div class=\"pt-cv-taxoterm above_title\"><a href='https:\/\/www.dmsjuridica.com\/buscador_20179478954\/corteconstitucionalcronologico202454587\/category\/buscar-en-toda-la-corte\/2004\/tutelas-2004\/' title='Tutelas 2004' class='pt-cv-tax-tutelas-2004'>Tutelas 2004<\/a><\/div>\n<h4 class=\"pt-cv-title\"><a href=\"https:\/\/www.dmsjuridica.com\/buscador_20179478954\/corteconstitucionalcronologico202454587\/t-1131-04\/\" class=\"_self\" target=\"_self\" >T-1131-04<\/a><\/h4>\n<div class=\"pt-cv-content\">\u00a0 \u00a0 Sentencia T-1131\/04 \u00a0 DERECHO A LA SALUD-Fundamental por conexidad con la vida \u00a0 DERECHO A LA SALUD-Trasplante simult\u00e1neo de ri\u00f1\u00f3n y coraz\u00f3n\/JUEZ DE TUTELA-No es competente para ordenar tratamientos m\u00e9dicos \u00a0 Las decisiones que pueda tomar el juez de tutela en materia de salud, prestaci\u00f3n de servicios m\u00e9dicos, pr\u00e1ctica de tratamientos y dem\u00e1s servicios de este tipo, deben estar sustentadas y avaladas por conceptos m\u00e9dicos y especializados que le permitan al fallador evaluar de manera juiciosa y ponderada la situaci\u00f3n real del afectado. La jurisprudencia de esta Corporaci\u00f3n ha hecho ver c\u00f3mo no es facultad del juez constitucional ...<br \/><div class=\"pt-cv-rmwrap\"><a href=\"https:\/\/www.dmsjuridica.com\/buscador_20179478954\/corteconstitucionalcronologico202454587\/t-1131-04\/\" class=\"_self pt-cv-readmore btn btn-success\" target=\"_self\">Ver Sentencia Completa...<\/a><\/div><\/div><\/div><\/div>\n<div class=\"col-md-12 col-sm-12 col-xs-12 pt-cv-content-item pt-cv-1-col\" ><div class='pt-cv-ifield'><a href=\"https:\/\/www.dmsjuridica.com\/buscador_20179478954\/corteconstitucionalcronologico202454587\/t-1130-04\/\" class=\"_self pt-cv-href-thumbnail pt-cv-thumb-default\" target=\"_self\" ><\/a>\n<div class=\"pt-cv-taxoterm above_title\"><a href='https:\/\/www.dmsjuridica.com\/buscador_20179478954\/corteconstitucionalcronologico202454587\/category\/buscar-en-toda-la-corte\/2004\/tutelas-2004\/' title='Tutelas 2004' class='pt-cv-tax-tutelas-2004'>Tutelas 2004<\/a><\/div>\n<h4 class=\"pt-cv-title\"><a href=\"https:\/\/www.dmsjuridica.com\/buscador_20179478954\/corteconstitucionalcronologico202454587\/t-1130-04\/\" class=\"_self\" target=\"_self\" >T-1130-04<\/a><\/h4>\n<div class=\"pt-cv-content\">\u00a0 \u00a0 Sentencia T-1130\/04 \u00a0 DERECHO A LA SEGURIDAD SOCIAL EN PENSIONES-Fundamental por conexidad con la vida \u00a0 ACCION DE TUTELA CONTRA FONDO DE PENSIONES-Improcedencia cuando se pretenda el reconocimiento de derechos pensionales\/BONOS PENSIONALES-Demora en emisi\u00f3n impide acceso a pensi\u00f3n de jubilaci\u00f3n \u00a0 BONOS PENSIONALES-Expedici\u00f3n y emisi\u00f3n\/BONOS PENSIONALES-Aspectos a tener en cuenta en su tramitaci\u00f3n \u00a0 PENSION DE JUBILACION-T\u00e9rmino de seis meses para reconocerla \u00a0 BONOS PENSIONALES-Procedencia de tutela para reclamar la remisi\u00f3n\/BONOS PENSIONALES-T\u00e9rmino para expedirlos \u00a0 Reiteraci\u00f3n de jurisprudencia \u00a0 Referencia: expediente T-967540 \u00a0 Acci\u00f3n de tutela de Rosy Mary Gonz\u00e1lez de G\u00f3mez, contra el Fondo Territorial de Pensiones ...<br \/><div class=\"pt-cv-rmwrap\"><a href=\"https:\/\/www.dmsjuridica.com\/buscador_20179478954\/corteconstitucionalcronologico202454587\/t-1130-04\/\" class=\"_self pt-cv-readmore btn btn-success\" target=\"_self\">Ver Sentencia Completa...<\/a><\/div><\/div><\/div><\/div>\n<div class=\"col-md-12 col-sm-12 col-xs-12 pt-cv-content-item pt-cv-1-col\" ><div class='pt-cv-ifield'><a href=\"https:\/\/www.dmsjuridica.com\/buscador_20179478954\/corteconstitucionalcronologico202454587\/t-113-04\/\" class=\"_self pt-cv-href-thumbnail pt-cv-thumb-default\" target=\"_self\" ><\/a>\n<div class=\"pt-cv-taxoterm above_title\"><a href='https:\/\/www.dmsjuridica.com\/buscador_20179478954\/corteconstitucionalcronologico202454587\/category\/buscar-en-toda-la-corte\/2004\/tutelas-2004\/' title='Tutelas 2004' class='pt-cv-tax-tutelas-2004'>Tutelas 2004<\/a><\/div>\n<h4 class=\"pt-cv-title\"><a href=\"https:\/\/www.dmsjuridica.com\/buscador_20179478954\/corteconstitucionalcronologico202454587\/t-113-04\/\" class=\"_self\" target=\"_self\" >T-113-04<\/a><\/h4>\n<div class=\"pt-cv-content\">\u00a0 \u00a0 Sentencia T-113\/04 \u00a0 DERECHO A LA SALUD-Conexidad con la vida\/INAPLICACION DE NORMAS DEL PLAN OBLIGATORIO DE SALUD-Transplante simult\u00e1neo de ri\u00f1\u00f3n y p\u00e1ncreas \u00a0 DERECHO A LA SALUD Y VIDA-Transplante simult\u00e1neo de ri\u00f1\u00f3n y p\u00e1ncreas\/ENTIDAD PROMOTORA DE SALUD-Autorizaci\u00f3n transplante simult\u00e1neo de ri\u00f1\u00f3n y p\u00e1ncreas \u00a0 Referencia: expediente T-812151 \u00a0 Acci\u00f3n de tutela de Lina Mar\u00eda Restrepo Vi\u00f1a contra CAFESALUD, EPS. \u00a0 Magistrado Ponente: \u00a0 Dr. JAIME C\u00d3RDOBA TRIVI\u00d1O \u00a0 Bogot\u00e1, D. C., doce \u00a0(12) \u00a0de febrero de dos mil cuatro \u00a0(2004).\u00a0 \u00a0 La Sala Cuarta de Revisi\u00f3n de la Corte Constitucional, en ejercicio de sus competencias constitucionales y legales, ...<br \/><div class=\"pt-cv-rmwrap\"><a href=\"https:\/\/www.dmsjuridica.com\/buscador_20179478954\/corteconstitucionalcronologico202454587\/t-113-04\/\" class=\"_self pt-cv-readmore btn btn-success\" target=\"_self\">Ver Sentencia Completa...<\/a><\/div><\/div><\/div><\/div>\n<div class=\"col-md-12 col-sm-12 col-xs-12 pt-cv-content-item pt-cv-1-col\" ><div class='pt-cv-ifield'><a href=\"https:\/\/www.dmsjuridica.com\/buscador_20179478954\/corteconstitucionalcronologico202454587\/t-1129-04\/\" class=\"_self pt-cv-href-thumbnail pt-cv-thumb-default\" target=\"_self\" ><\/a>\n<div class=\"pt-cv-taxoterm above_title\"><a href='https:\/\/www.dmsjuridica.com\/buscador_20179478954\/corteconstitucionalcronologico202454587\/category\/buscar-en-toda-la-corte\/2004\/tutelas-2004\/' title='Tutelas 2004' class='pt-cv-tax-tutelas-2004'>Tutelas 2004<\/a><\/div>\n<h4 class=\"pt-cv-title\"><a href=\"https:\/\/www.dmsjuridica.com\/buscador_20179478954\/corteconstitucionalcronologico202454587\/t-1129-04\/\" class=\"_self\" target=\"_self\" >T-1129-04<\/a><\/h4>\n<div class=\"pt-cv-content\">\u00a0 \u00a0 Sentencia T-1129\/04 \u00a0 DERECHO A LA SALUD-Fundamental por conexidad con la vida digna \u00a0 DERECHO A LA SALUD-Suministro de medicamentos excluidos del POS \u00a0 INAPLICACION DE NORMAS DEL PLAN OBLIGATORIO DE SALUD-Enfermedad catastr\u00f3fica o ruinosa \u00a0 Reiteraci\u00f3n de jurisprudencia \u00a0 Referencia: Expediente T-891939 \u00a0 Acci\u00f3n de tutela instaurada por ROQUE JACINTO FERNANDEZ ESCOBAR contra Coomeva EPS. \u00a0 Magistrado Ponente: \u00a0 Dr. HUMBERTO ANTONIO SIERRA PORTO \u00a0 Bogot\u00e1 D. C diez (10) de noviembre de dos mil cuatro (2004). \u00a0 La Sala S\u00e9ptima de Revisi\u00f3n de la Corte Constitucional, en ejercicio de sus competencias constitucionales y legales, ha proferido ...<br \/><div class=\"pt-cv-rmwrap\"><a href=\"https:\/\/www.dmsjuridica.com\/buscador_20179478954\/corteconstitucionalcronologico202454587\/t-1129-04\/\" class=\"_self pt-cv-readmore btn btn-success\" target=\"_self\">Ver Sentencia Completa...<\/a><\/div><\/div><\/div><\/div>\n<div class=\"col-md-12 col-sm-12 col-xs-12 pt-cv-content-item pt-cv-1-col\" ><div class='pt-cv-ifield'><a href=\"https:\/\/www.dmsjuridica.com\/buscador_20179478954\/corteconstitucionalcronologico202454587\/t-112-04\/\" class=\"_self pt-cv-href-thumbnail pt-cv-thumb-default\" target=\"_self\" ><\/a>\n<div class=\"pt-cv-taxoterm above_title\"><a href='https:\/\/www.dmsjuridica.com\/buscador_20179478954\/corteconstitucionalcronologico202454587\/category\/buscar-en-toda-la-corte\/2004\/tutelas-2004\/' title='Tutelas 2004' class='pt-cv-tax-tutelas-2004'>Tutelas 2004<\/a><\/div>\n<h4 class=\"pt-cv-title\"><a href=\"https:\/\/www.dmsjuridica.com\/buscador_20179478954\/corteconstitucionalcronologico202454587\/t-112-04\/\" class=\"_self\" target=\"_self\" >T-112-04<\/a><\/h4>\n<div class=\"pt-cv-content\">\u00a0 \u00a0 Sentencia T-112\/04 \u00a0 DERECHO A LA SALUD-Condiciones para realizaci\u00f3n de tratamiento excluido del POS \u00a0 SERVICIO DE SALUD-Se funda en el principio de solidaridad \u00a0 La prestaci\u00f3n de los servicios de salud se funda, entre otros, en el principio de solidaridad, habida cuenta que los servicios que un afiliado requiere no son cubiertos con sus propios aportes sino con los recursos del Sistema conformados, entre otros rubros, por los provenientes de todos los aportantes, de tal suerte que quienes m\u00e1s contribuyen financian a aquellos que, por poseer menores ingresos, no cotizan o lo hacen en menor proporci\u00f3n, circunstancia ...<br \/><div class=\"pt-cv-rmwrap\"><a href=\"https:\/\/www.dmsjuridica.com\/buscador_20179478954\/corteconstitucionalcronologico202454587\/t-112-04\/\" class=\"_self pt-cv-readmore btn btn-success\" target=\"_self\">Ver Sentencia Completa...<\/a><\/div><\/div><\/div><\/div>\n<div class=\"col-md-12 col-sm-12 col-xs-12 pt-cv-content-item pt-cv-1-col\" ><div class='pt-cv-ifield'><a href=\"https:\/\/www.dmsjuridica.com\/buscador_20179478954\/corteconstitucionalcronologico202454587\/t-1112-04\/\" class=\"_self pt-cv-href-thumbnail pt-cv-thumb-default\" target=\"_self\" ><\/a>\n<div class=\"pt-cv-taxoterm above_title\"><a href='https:\/\/www.dmsjuridica.com\/buscador_20179478954\/corteconstitucionalcronologico202454587\/category\/buscar-en-toda-la-corte\/2004\/tutelas-2004\/' title='Tutelas 2004' class='pt-cv-tax-tutelas-2004'>Tutelas 2004<\/a><\/div>\n<h4 class=\"pt-cv-title\"><a href=\"https:\/\/www.dmsjuridica.com\/buscador_20179478954\/corteconstitucionalcronologico202454587\/t-1112-04\/\" class=\"_self\" target=\"_self\" >T-1112-04<\/a><\/h4>\n<div class=\"pt-cv-content\">\u00a0 \u00a0 Sentencia T-1112\/04 \u00a0 DEREHO A LA SALUD-Fundamental por conexidad con la vida digna\u00a0 \u00a0 ACCION DE TUTELA-Improcedente por no vulnera el derecho a la salud\u00a0 \u00a0 PRINCIPIO DE CONTINUIDAD EN EL SERVICIO DE SALUD-Deber de la IPS de continuar con la prestaci\u00f3n del servicio de salud aunque la ARS se encuentre en mora con la IPS \u00a0 DERECHO A LA SALUD-Beneficiarios del sistema no deben soportar inconvenientes presupu\u00e9stales \u00a0 Referencia: expediente T-956932 \u00a0 Acci\u00f3n de tutela instaurada por Marina Esther Acosta Ojeda contra el Instituto de Hemato-oncolog\u00eda Betania I.P.S.S. \u00a0 \u00a0 \u00a0 Magistrado Ponente: \u00a0 Dr. JAIME ARA\u00daJO ...<br \/><div class=\"pt-cv-rmwrap\"><a href=\"https:\/\/www.dmsjuridica.com\/buscador_20179478954\/corteconstitucionalcronologico202454587\/t-1112-04\/\" class=\"_self pt-cv-readmore btn btn-success\" target=\"_self\">Ver Sentencia Completa...<\/a><\/div><\/div><\/div><\/div>\n<div class=\"col-md-12 col-sm-12 col-xs-12 pt-cv-content-item pt-cv-1-col\" ><div class='pt-cv-ifield'><a href=\"https:\/\/www.dmsjuridica.com\/buscador_20179478954\/corteconstitucionalcronologico202454587\/t-1111-04\/\" class=\"_self pt-cv-href-thumbnail pt-cv-thumb-default\" target=\"_self\" ><\/a>\n<div class=\"pt-cv-taxoterm above_title\"><a href='https:\/\/www.dmsjuridica.com\/buscador_20179478954\/corteconstitucionalcronologico202454587\/category\/buscar-en-toda-la-corte\/2004\/tutelas-2004\/' title='Tutelas 2004' class='pt-cv-tax-tutelas-2004'>Tutelas 2004<\/a><\/div>\n<h4 class=\"pt-cv-title\"><a href=\"https:\/\/www.dmsjuridica.com\/buscador_20179478954\/corteconstitucionalcronologico202454587\/t-1111-04\/\" class=\"_self\" target=\"_self\" >T-1111-04<\/a><\/h4>\n<div class=\"pt-cv-content\">\u00a0 \u00a0 Sentencia T-1111\/04 \u00a0 ACCION DE TUTELA CONTRA PROVIDENCIAS JUDICIALES-Improcedente por no existir v\u00eda de hecho\u00a0 \u00a0 CREDITO PARA VIVIENDA-Financiaci\u00f3n y regulaci\u00f3n especial \u00a0 No percibe la Corte que en el caso planteado por los actores se haya configurado v\u00eda de hecho por defecto sustantivo por no hab\u00e9rsele dado aplicaci\u00f3n al art\u00edculo 884 del C\u00f3digo de Comercio (modificado por el art\u00edculo 111 de la Ley 510 de 1999), pues no puede considerarse como una ruptura flagrante, ostensible y grave de la normatividad constitucional o legal el estimar que los cr\u00e9ditos de vivienda constituyen un sistema de financiaci\u00f3n especial y ...<br \/><div class=\"pt-cv-rmwrap\"><a href=\"https:\/\/www.dmsjuridica.com\/buscador_20179478954\/corteconstitucionalcronologico202454587\/t-1111-04\/\" class=\"_self pt-cv-readmore btn btn-success\" target=\"_self\">Ver Sentencia Completa...<\/a><\/div><\/div><\/div><\/div>\n<div class=\"col-md-12 col-sm-12 col-xs-12 pt-cv-content-item pt-cv-1-col\" ><div class='pt-cv-ifield'><a href=\"https:\/\/www.dmsjuridica.com\/buscador_20179478954\/corteconstitucionalcronologico202454587\/t-1110-04\/\" class=\"_self pt-cv-href-thumbnail pt-cv-thumb-default\" target=\"_self\" ><\/a>\n<div class=\"pt-cv-taxoterm above_title\"><a href='https:\/\/www.dmsjuridica.com\/buscador_20179478954\/corteconstitucionalcronologico202454587\/category\/buscar-en-toda-la-corte\/2004\/tutelas-2004\/' title='Tutelas 2004' class='pt-cv-tax-tutelas-2004'>Tutelas 2004<\/a><\/div>\n<h4 class=\"pt-cv-title\"><a href=\"https:\/\/www.dmsjuridica.com\/buscador_20179478954\/corteconstitucionalcronologico202454587\/t-1110-04\/\" class=\"_self\" target=\"_self\" >T-1110-04<\/a><\/h4>\n<div class=\"pt-cv-content\">\u00a0 \u00a0 Sentencia T-1110\/04 \u00a0 DERECHO A LA SALUD-Fundamental por conexidad\u00a0 \u00a0 DERECHO A LA VIDA DIGNA-Alcance \u00a0 ACCION DE TUTELA-Eventos en los que procede para proteger el derecho a la salud\u00a0 \u00a0 DERECHO A LA VIDA DIGNA DE PERSONA DE LA TERCERA EDAD-Suministro de aud\u00edfonos por segunda vez al no haber dolo o culpa grave del paciente en la p\u00e9rdida de \u00e9stos \u00a0 Referencia: expediente T-950189 \u00a0 Acci\u00f3n de tutela interpuesta por Fabio de Jes\u00fas Cardona contra Comfenalco E.P.S. \u00a0 Magistrado Ponente: \u00a0 Dr. JAIME C\u00d3RDOBA TRIVI\u00d1O \u00a0 Bogot\u00e1, D.C., cinco (5) de noviembre de dos mil cuatro (2004) ...<br \/><div class=\"pt-cv-rmwrap\"><a href=\"https:\/\/www.dmsjuridica.com\/buscador_20179478954\/corteconstitucionalcronologico202454587\/t-1110-04\/\" class=\"_self pt-cv-readmore btn btn-success\" target=\"_self\">Ver Sentencia Completa...<\/a><\/div><\/div><\/div><\/div>\n<div class=\"col-md-12 col-sm-12 col-xs-12 pt-cv-content-item pt-cv-1-col\" ><div class='pt-cv-ifield'><a href=\"https:\/\/www.dmsjuridica.com\/buscador_20179478954\/corteconstitucionalcronologico202454587\/t-111-04\/\" class=\"_self pt-cv-href-thumbnail pt-cv-thumb-default\" target=\"_self\" ><\/a>\n<div class=\"pt-cv-taxoterm above_title\"><a href='https:\/\/www.dmsjuridica.com\/buscador_20179478954\/corteconstitucionalcronologico202454587\/category\/buscar-en-toda-la-corte\/2004\/tutelas-2004\/' title='Tutelas 2004' class='pt-cv-tax-tutelas-2004'>Tutelas 2004<\/a><\/div>\n<h4 class=\"pt-cv-title\"><a href=\"https:\/\/www.dmsjuridica.com\/buscador_20179478954\/corteconstitucionalcronologico202454587\/t-111-04\/\" class=\"_self\" target=\"_self\" >T-111-04<\/a><\/h4>\n<div class=\"pt-cv-content\">\u00a0 \u00a0 Sentencia T-111\/04 \u00a0 PRINCIPIO DE CONTINUIDAD EN EL SERVICIO DE SALUD-Deber de garantizarlo \u00a0 DERECHO A LA SALUD-Atenci\u00f3n de ordenes prescritas por m\u00e9dico tratante \u00a0 Las \u00f3rdenes m\u00e9dicas es preciso atenderlas porque obedecen a un tratamiento prescrito y ya iniciado, al igual que el control de citas y el suministro de los medicamentos recetados por un m\u00e9dico de la misma entidad; luego, las prescripciones y tratamientos m\u00e9dicos, son integrales y obedecen como en este caso a recomendaciones de galenos especializados conocedores de la salud. \u00a0 DERECHO A LA SALUD-Condiciones para realizaci\u00f3n de tratamiento excluido del POS \u00a0 ENTIDAD ...<br \/><div class=\"pt-cv-rmwrap\"><a href=\"https:\/\/www.dmsjuridica.com\/buscador_20179478954\/corteconstitucionalcronologico202454587\/t-111-04\/\" class=\"_self pt-cv-readmore btn btn-success\" target=\"_self\">Ver Sentencia Completa...<\/a><\/div><\/div><\/div><\/div>\n<div class=\"col-md-12 col-sm-12 col-xs-12 pt-cv-content-item pt-cv-1-col\" ><div class='pt-cv-ifield'><a href=\"https:\/\/www.dmsjuridica.com\/buscador_20179478954\/corteconstitucionalcronologico202454587\/t-1109-04\/\" class=\"_self pt-cv-href-thumbnail pt-cv-thumb-default\" target=\"_self\" ><\/a>\n<div class=\"pt-cv-taxoterm above_title\"><a href='https:\/\/www.dmsjuridica.com\/buscador_20179478954\/corteconstitucionalcronologico202454587\/category\/buscar-en-toda-la-corte\/2004\/tutelas-2004\/' title='Tutelas 2004' class='pt-cv-tax-tutelas-2004'>Tutelas 2004<\/a><\/div>\n<h4 class=\"pt-cv-title\"><a href=\"https:\/\/www.dmsjuridica.com\/buscador_20179478954\/corteconstitucionalcronologico202454587\/t-1109-04\/\" class=\"_self\" target=\"_self\" >T-1109-04<\/a><\/h4>\n<div class=\"pt-cv-content\">\u00a0 \u00a0 Sentencia T-1109\/04 \u00a0 DERECHO A LA PENSION DE SOBREVIVIENTES-Car\u00e1cter fundamental \u00a0 ACCION DE TUTELA A FAVOR DE PERSONA DE LA TERCERA EDAD-Procedencia excepcional por cuanto el medio ordinario no es eficaz para proteger los derechos fundamentales \u00a0 DERECHO AL MINIMO VITAL DE PERSONA DE LA TERCERA EDAD-Retraso injustificado en pago de pensi\u00f3n \u00a0 DERECHO A LA PENSION DE VEJEZ-Fundamental por conexidad \u00a0 Referencia: expediente T-948093\u00a0 \u00a0 Acci\u00f3n de tutela instaurada por Miguel \u00c1ngel Agudelo V\u00e1rgas contra el Instituto de Seguro Social. \u00a0 Magistrado Ponente:\u00a0 \u00a0 Dr. JAIME C\u00d3RDOBA TRIVI\u00d1O \u00a0 Bogot\u00e1, D.C., cinco (5) de noviembre de dos ...<br \/><div class=\"pt-cv-rmwrap\"><a href=\"https:\/\/www.dmsjuridica.com\/buscador_20179478954\/corteconstitucionalcronologico202454587\/t-1109-04\/\" class=\"_self pt-cv-readmore btn btn-success\" target=\"_self\">Ver Sentencia Completa...<\/a><\/div><\/div><\/div><\/div>\n<div class=\"col-md-12 col-sm-12 col-xs-12 pt-cv-content-item pt-cv-1-col\" ><div class='pt-cv-ifield'><a href=\"https:\/\/www.dmsjuridica.com\/buscador_20179478954\/corteconstitucionalcronologico202454587\/t-1108-04\/\" class=\"_self pt-cv-href-thumbnail pt-cv-thumb-default\" target=\"_self\" ><\/a>\n<div class=\"pt-cv-taxoterm above_title\"><a href='https:\/\/www.dmsjuridica.com\/buscador_20179478954\/corteconstitucionalcronologico202454587\/category\/buscar-en-toda-la-corte\/2004\/tutelas-2004\/' title='Tutelas 2004' class='pt-cv-tax-tutelas-2004'>Tutelas 2004<\/a><\/div>\n<h4 class=\"pt-cv-title\"><a href=\"https:\/\/www.dmsjuridica.com\/buscador_20179478954\/corteconstitucionalcronologico202454587\/t-1108-04\/\" class=\"_self\" target=\"_self\" >T-1108-04<\/a><\/h4>\n<div class=\"pt-cv-content\">MUJER EMBARAZADA-Protecci\u00f3n constitucional especial \u00a0 LICENCIA DE MATERNIDAD-Procedencia excepcional de tutela para el pago \u00a0 LICENCIA DE MATERNIDAD-Pago por tutela cuando afecta el m\u00ednimo vital de la madre y su hijo \u00a0 LICENCIA DE MATERNIDAD-Pago por allanamiento a la mora por EPS \u00a0 LICENCIA DE MATERNIDAD-Plazo hasta de un a\u00f1o para reclamar por tutela \u00a0 Reiteraci\u00f3n de jurisprudencia \u00a0 Referencia: expediente T-944192 \u00a0 Acci\u00f3n de tutela instaurada por Carolina Milena Su\u00e1rez Herrera contra el Seguro Social Seccional Cesar. \u00a0 Magistrado Ponente: \u00a0 Dr. JAIME C\u00d3RDOBA TRIVI\u00d1O \u00a0 Bogot\u00e1, D.C., cinco (5) de noviembre de dos mil cuatro (2004). \u00a0 La ...<br \/><div class=\"pt-cv-rmwrap\"><a href=\"https:\/\/www.dmsjuridica.com\/buscador_20179478954\/corteconstitucionalcronologico202454587\/t-1108-04\/\" class=\"_self pt-cv-readmore btn btn-success\" target=\"_self\">Ver Sentencia Completa...<\/a><\/div><\/div><\/div><\/div>\n<div class=\"col-md-12 col-sm-12 col-xs-12 pt-cv-content-item pt-cv-1-col\" ><div class='pt-cv-ifield'><a href=\"https:\/\/www.dmsjuridica.com\/buscador_20179478954\/corteconstitucionalcronologico202454587\/t-1107-04\/\" class=\"_self pt-cv-href-thumbnail pt-cv-thumb-default\" target=\"_self\" ><\/a>\n<div class=\"pt-cv-taxoterm above_title\"><a href='https:\/\/www.dmsjuridica.com\/buscador_20179478954\/corteconstitucionalcronologico202454587\/category\/buscar-en-toda-la-corte\/2004\/tutelas-2004\/' title='Tutelas 2004' class='pt-cv-tax-tutelas-2004'>Tutelas 2004<\/a><\/div>\n<h4 class=\"pt-cv-title\"><a href=\"https:\/\/www.dmsjuridica.com\/buscador_20179478954\/corteconstitucionalcronologico202454587\/t-1107-04\/\" class=\"_self\" target=\"_self\" >T-1107-04<\/a><\/h4>\n<div class=\"pt-cv-content\">\u00a0 \u00a0 Sentencia T-1107\/04 \u00a0 DERECHO DE PETICION-Sentido y alcance \u00a0 DERECHO DE PETICION-Falta de competencia de la entidad ante quien se solicita la informaci\u00f3n no la exonera de responder \u00a0 DERECHO DE PETICION-Pronta resoluci\u00f3n y decisi\u00f3n de fondo \u00a0 DERECHO DE PETICION-Termino para resolver \u00a0 DERECHO DE PETICION-Improcedencia de tutela por cuanto no hab\u00eda transcurrido t\u00e9rmino legal para dar respuesta \u00a0 DERECHO A LA SALUD-Fundamental por conexidad \u00a0 DERECHO A LA VIDA DIGNA-Alcance \u00a0 ACCION DE TUTELA-Eventos en los que procede para proteger el derecho a la salud \u00a0 Referencia: expediente T-937625 \u00a0 Accionante: Mercedes Rosa Ospina Florez \u00a0 ...<br \/><div class=\"pt-cv-rmwrap\"><a href=\"https:\/\/www.dmsjuridica.com\/buscador_20179478954\/corteconstitucionalcronologico202454587\/t-1107-04\/\" class=\"_self pt-cv-readmore btn btn-success\" target=\"_self\">Ver Sentencia Completa...<\/a><\/div><\/div><\/div><\/div>\n<div class=\"col-md-12 col-sm-12 col-xs-12 pt-cv-content-item pt-cv-1-col\" ><div class='pt-cv-ifield'><a href=\"https:\/\/www.dmsjuridica.com\/buscador_20179478954\/corteconstitucionalcronologico202454587\/t-1106-04\/\" class=\"_self pt-cv-href-thumbnail pt-cv-thumb-default\" target=\"_self\" ><\/a>\n<div class=\"pt-cv-taxoterm above_title\"><a href='https:\/\/www.dmsjuridica.com\/buscador_20179478954\/corteconstitucionalcronologico202454587\/category\/buscar-en-toda-la-corte\/2004\/tutelas-2004\/' title='Tutelas 2004' class='pt-cv-tax-tutelas-2004'>Tutelas 2004<\/a><\/div>\n<h4 class=\"pt-cv-title\"><a href=\"https:\/\/www.dmsjuridica.com\/buscador_20179478954\/corteconstitucionalcronologico202454587\/t-1106-04\/\" class=\"_self\" target=\"_self\" >T-1106-04<\/a><\/h4>\n<div class=\"pt-cv-content\">\u00a0 \u00a0 Sentencia T-1106\/04 \u00a0 MUJER EMBARAZADA-Protecci\u00f3n constitucional especial \u00a0 LICENCIA DE MATERNIDAD-Pago por allanamiento a la mora por EPS \u00a0 LICENCIA DE MATERNIDAD-Plazo hasta de un a\u00f1o para reclamar por tutela \u00a0 LICENCIA DE MATERNIDAD-Pago por tutela cuando afecta el m\u00ednimo vital de la madre y su hijo \u00a0 \u00a0 Referencia: expediente T-950717\u00a0 \u00a0 Acci\u00f3n de tutela instaurada por Zulma Astrid Guar\u00edn Jaime contra Coomeva E.P.S.- Barrancabermeja.\u00a0 \u00a0 Magistrada Ponente: \u00a0 Dra. CLARA IN\u00c9S VARGAS HERN\u00c1NDEZ \u00a0 Bogot\u00e1, D. C., cuatro (4) de noviembre de dos mil cuatro (2004). \u00a0 La Sala Novena de revisi\u00f3n de la Corte Constitucional, ...<br \/><div class=\"pt-cv-rmwrap\"><a href=\"https:\/\/www.dmsjuridica.com\/buscador_20179478954\/corteconstitucionalcronologico202454587\/t-1106-04\/\" class=\"_self pt-cv-readmore btn btn-success\" target=\"_self\">Ver Sentencia Completa...<\/a><\/div><\/div><\/div><\/div>\n<div class=\"col-md-12 col-sm-12 col-xs-12 pt-cv-content-item pt-cv-1-col\" ><div class='pt-cv-ifield'><a href=\"https:\/\/www.dmsjuridica.com\/buscador_20179478954\/corteconstitucionalcronologico202454587\/t-1105-04\/\" class=\"_self pt-cv-href-thumbnail pt-cv-thumb-default\" target=\"_self\" ><\/a>\n<div class=\"pt-cv-taxoterm above_title\"><a href='https:\/\/www.dmsjuridica.com\/buscador_20179478954\/corteconstitucionalcronologico202454587\/category\/buscar-en-toda-la-corte\/2004\/tutelas-2004\/' title='Tutelas 2004' class='pt-cv-tax-tutelas-2004'>Tutelas 2004<\/a><\/div>\n<h4 class=\"pt-cv-title\"><a href=\"https:\/\/www.dmsjuridica.com\/buscador_20179478954\/corteconstitucionalcronologico202454587\/t-1105-04\/\" class=\"_self\" target=\"_self\" >T-1105-04<\/a><\/h4>\n<div class=\"pt-cv-content\">\u00a0 \u00a0 Sentencia T-1105\/04 \u00a0 MUJER EMBARAZADA-Protecci\u00f3n constitucional especial \u00a0 LICENCIA DE MATERNIDAD-Procedencia excepcional de tutela para el pago \u00a0 LICENCIA DE MATERNIDAD-Pago por tutela cuando afecta el m\u00ednimo vital de la madre y su hijo \u00a0 LICENCIA DE MATERNIDAD-Plazo hasta de un a\u00f1o para reclamar por tutela \u00a0 Acci\u00f3n de tutela interpuesta por Rosario del Carmen de la Parra Calvache contra el Municipio de San Pedro de Cartago -Nari\u00f1o.\u00a0 \u00a0 Magistrada Ponente: \u00a0 Dra. CLARA IN\u00c9S VARGAS HERN\u00c1NDEZ \u00a0 Bogot\u00e1, D. C., cuatro (4) de noviembre de dos mil cuatro (2004). \u00a0 La Sala Novena de revisi\u00f3n de la ...<br \/><div class=\"pt-cv-rmwrap\"><a href=\"https:\/\/www.dmsjuridica.com\/buscador_20179478954\/corteconstitucionalcronologico202454587\/t-1105-04\/\" class=\"_self pt-cv-readmore btn btn-success\" target=\"_self\">Ver Sentencia Completa...<\/a><\/div><\/div><\/div><\/div>\n<div class=\"col-md-12 col-sm-12 col-xs-12 pt-cv-content-item pt-cv-1-col\" ><div class='pt-cv-ifield'><a href=\"https:\/\/www.dmsjuridica.com\/buscador_20179478954\/corteconstitucionalcronologico202454587\/t-1104-04\/\" class=\"_self pt-cv-href-thumbnail pt-cv-thumb-default\" target=\"_self\" ><\/a>\n<div class=\"pt-cv-taxoterm above_title\"><a href='https:\/\/www.dmsjuridica.com\/buscador_20179478954\/corteconstitucionalcronologico202454587\/category\/buscar-en-toda-la-corte\/2004\/tutelas-2004\/' title='Tutelas 2004' class='pt-cv-tax-tutelas-2004'>Tutelas 2004<\/a><\/div>\n<h4 class=\"pt-cv-title\"><a href=\"https:\/\/www.dmsjuridica.com\/buscador_20179478954\/corteconstitucionalcronologico202454587\/t-1104-04\/\" class=\"_self\" target=\"_self\" >T-1104-04<\/a><\/h4>\n<div class=\"pt-cv-content\">\u00a0 \u00a0 Sentencia T-1104\/04 \u00a0 MUJER EMBARAZADA-Protecci\u00f3n constitucional especial \u00a0 LICENCIA DE MATERNIDAD-Finalidad \u00a0 ACCION DE TUTELA TRANSITORIA DE MUJER EMBARAZADA-Elementos f\u00e1cticos que deben demostrarse \u00a0 LICENCIA DE MATERNIDAD-Pago por allanamiento a la mora por EPS \u00a0 LICENCIA DE MATERNIDAD-Plazo hasta de un a\u00f1o para reclamar por tutela \u00a0 LICENCIA DE MATERNIDAD-Pago por tutela cuando afecta el m\u00ednimo vital de la madre y su hijo \u00a0 \u00a0 Referencia: expediente T-948137\u00a0 \u00a0 Acci\u00f3n de tutela instaurada por \u00c1ngela Mar\u00eda Murillo Altamiranda contra el Seguro Social \u2013 Seccional Cesar.\u00a0 \u00a0 Magistrada Ponente: \u00a0 Dra. CLARA IN\u00c9S VARGAS HERN\u00c1NDEZ \u00a0 Bogot\u00e1, D. C., ...<br \/><div class=\"pt-cv-rmwrap\"><a href=\"https:\/\/www.dmsjuridica.com\/buscador_20179478954\/corteconstitucionalcronologico202454587\/t-1104-04\/\" class=\"_self pt-cv-readmore btn btn-success\" target=\"_self\">Ver Sentencia Completa...<\/a><\/div><\/div><\/div><\/div>\n<div class=\"col-md-12 col-sm-12 col-xs-12 pt-cv-content-item pt-cv-1-col\" ><div class='pt-cv-ifield'><a href=\"https:\/\/www.dmsjuridica.com\/buscador_20179478954\/corteconstitucionalcronologico202454587\/t-1103-04\/\" class=\"_self pt-cv-href-thumbnail pt-cv-thumb-default\" target=\"_self\" ><\/a>\n<div class=\"pt-cv-taxoterm above_title\"><a href='https:\/\/www.dmsjuridica.com\/buscador_20179478954\/corteconstitucionalcronologico202454587\/category\/buscar-en-toda-la-corte\/2004\/tutelas-2004\/' title='Tutelas 2004' class='pt-cv-tax-tutelas-2004'>Tutelas 2004<\/a><\/div>\n<h4 class=\"pt-cv-title\"><a href=\"https:\/\/www.dmsjuridica.com\/buscador_20179478954\/corteconstitucionalcronologico202454587\/t-1103-04\/\" class=\"_self\" target=\"_self\" >T-1103-04<\/a><\/h4>\n<div class=\"pt-cv-content\">\u00a0 \u00a0 Sentencia T-1103\/04 \u00a0 DEMANDA DE INTERDICCION POR DEMENCIA-Certificado m\u00e9dico actualizado es requisito indispensable para admitir la demanda \u00a0 ACCION DE TUTELA CONTRA PROVIDENCIAS JUDICIALES POR VIA DE HECHO-Requisitos para que proceda \u00a0 ACCION DE TUTELA CONTRA PROVIDENCIAS JUDICIALES-Car\u00e1cter excepcional \u00a0 ACCION DE TUTELA CONTRA PROVIDENCIAS JUDICIALES POR VIA DE HECHO-Defecto f\u00e1ctico\u00a0 \u00a0 CERTIFICADO MEDICO-Definici\u00f3n y requisitos que debe cumplir \u00a0 El acompa\u00f1amiento de un certificado m\u00e9dico a una demanda en la que se solicita que una persona sea declara interdicta por demencia, no constituye una mera formalidad exigida por la ley procesal para la admisi\u00f3n de una demanda ...<br \/><div class=\"pt-cv-rmwrap\"><a href=\"https:\/\/www.dmsjuridica.com\/buscador_20179478954\/corteconstitucionalcronologico202454587\/t-1103-04\/\" class=\"_self pt-cv-readmore btn btn-success\" target=\"_self\">Ver Sentencia Completa...<\/a><\/div><\/div><\/div><\/div>\n<div class=\"col-md-12 col-sm-12 col-xs-12 pt-cv-content-item pt-cv-1-col\" ><div class='pt-cv-ifield'><a href=\"https:\/\/www.dmsjuridica.com\/buscador_20179478954\/corteconstitucionalcronologico202454587\/t-1102-04\/\" class=\"_self pt-cv-href-thumbnail pt-cv-thumb-default\" target=\"_self\" ><\/a>\n<div class=\"pt-cv-taxoterm above_title\"><a href='https:\/\/www.dmsjuridica.com\/buscador_20179478954\/corteconstitucionalcronologico202454587\/category\/buscar-en-toda-la-corte\/2004\/tutelas-2004\/' title='Tutelas 2004' class='pt-cv-tax-tutelas-2004'>Tutelas 2004<\/a><\/div>\n<h4 class=\"pt-cv-title\"><a href=\"https:\/\/www.dmsjuridica.com\/buscador_20179478954\/corteconstitucionalcronologico202454587\/t-1102-04\/\" class=\"_self\" target=\"_self\" >T-1102-04<\/a><\/h4>\n<div class=\"pt-cv-content\">\u00a0 \u00a0 Sentencia T-1102\/04 \u00a0 DERECHO DE PETICION Y ACCESO A DOCUMENTOS PUBLICOS-Solicitud de copias \u00a0 DERECHO FUNDAMENTAL DE INFORMACION-Vulneraci\u00f3n por negaci\u00f3n de copias\u00a0 \u00a0 DOCUMENTO PUBLICO-Publicidad como regla general\/REGLAMENTO AERONAUTICO-Improcedencia de reserva sobre informaci\u00f3n de accidente a\u00e9reo \u00a0 La actitud de la entidad demandada vulner\u00f3 el derecho fundamental de acceso a los documentos p\u00fablicos del actor, pues sobre los documentos no exist\u00eda una reserva legal. \u00a0Consider\u00f3 esta Corporaci\u00f3n, que la afirmaci\u00f3n realizada por la entidad demandada, sobre la pretendida reserva de los documentos solicitados, no ten\u00eda origen en la ley sino en un acto de la administraci\u00f3n, que fue ...<br \/><div class=\"pt-cv-rmwrap\"><a href=\"https:\/\/www.dmsjuridica.com\/buscador_20179478954\/corteconstitucionalcronologico202454587\/t-1102-04\/\" class=\"_self pt-cv-readmore btn btn-success\" target=\"_self\">Ver Sentencia Completa...<\/a><\/div><\/div><\/div><\/div>\n<div class=\"col-md-12 col-sm-12 col-xs-12 pt-cv-content-item pt-cv-1-col\" ><div class='pt-cv-ifield'><a href=\"https:\/\/www.dmsjuridica.com\/buscador_20179478954\/corteconstitucionalcronologico202454587\/t-1101-04\/\" class=\"_self pt-cv-href-thumbnail pt-cv-thumb-default\" target=\"_self\" ><\/a>\n<div class=\"pt-cv-taxoterm above_title\"><a href='https:\/\/www.dmsjuridica.com\/buscador_20179478954\/corteconstitucionalcronologico202454587\/category\/buscar-en-toda-la-corte\/2004\/tutelas-2004\/' title='Tutelas 2004' class='pt-cv-tax-tutelas-2004'>Tutelas 2004<\/a><\/div>\n<h4 class=\"pt-cv-title\"><a href=\"https:\/\/www.dmsjuridica.com\/buscador_20179478954\/corteconstitucionalcronologico202454587\/t-1101-04\/\" class=\"_self\" target=\"_self\" >T-1101-04<\/a><\/h4>\n<div class=\"pt-cv-content\">AGENCIA OFICIOSA EN TUTELA-Hija en representaci\u00f3n de madre enferma\u00a0 \u00a0 DERECHO A LA SALUD-Fundamental por conexidad \u00a0 ENTIDAD PROMOTORA DE SALUD-Deber de realizar el diagn\u00f3stico\u00a0 \u00a0 PERSONA DE LA TERCERA EDAD-Protecci\u00f3n constitucional especial \u00a0 SISTEMA DE SEGURIDAD SOCIAL EN SALUD-Regulaci\u00f3n legislativa \u00a0 REGIMEN DE SEGURIDAD SOCIAL EN SALUD-Obligatorio para todo los colombianos \u00a0 REGIMEN SUBSIDIADO DE SEGURIDAD SOCIAL EN SALUD-Personas que pertenecen a este r\u00e9gimen \u00a0 PROCESO DE ENCUESTA EN EL SISBEN-Vigilado por los alcaldes de cada municipio\/SISBEN-No es posible negar el servicio de salud a personas de menores recursos mientras se encuentran en el proceso de afiliaci\u00f3n\u00a0 \u00a0 La ...<br \/><div class=\"pt-cv-rmwrap\"><a href=\"https:\/\/www.dmsjuridica.com\/buscador_20179478954\/corteconstitucionalcronologico202454587\/t-1101-04\/\" class=\"_self pt-cv-readmore btn btn-success\" target=\"_self\">Ver Sentencia Completa...<\/a><\/div><\/div><\/div><\/div>\n<div class=\"col-md-12 col-sm-12 col-xs-12 pt-cv-content-item pt-cv-1-col\" ><div class='pt-cv-ifield'><a href=\"https:\/\/www.dmsjuridica.com\/buscador_20179478954\/corteconstitucionalcronologico202454587\/t-1100-04\/\" class=\"_self pt-cv-href-thumbnail pt-cv-thumb-default\" target=\"_self\" ><\/a>\n<div class=\"pt-cv-taxoterm above_title\"><a href='https:\/\/www.dmsjuridica.com\/buscador_20179478954\/corteconstitucionalcronologico202454587\/category\/buscar-en-toda-la-corte\/2004\/tutelas-2004\/' title='Tutelas 2004' class='pt-cv-tax-tutelas-2004'>Tutelas 2004<\/a><\/div>\n<h4 class=\"pt-cv-title\"><a href=\"https:\/\/www.dmsjuridica.com\/buscador_20179478954\/corteconstitucionalcronologico202454587\/t-1100-04\/\" class=\"_self\" target=\"_self\" >T-1100-04<\/a><\/h4>\n<div class=\"pt-cv-content\">\u00a0 \u00a0 Sentencia T-1100\/04 \u00a0 ACCION DE TUTELA-Hecho superado por haberse dado respuesta al derecho de petici\u00f3n \u00a0 DERECHO DE PETICION-Autoridad a la que se le ha solicitado una respuesta debe darla de fondo y oportuna seg\u00fan los par\u00e1metros jurisprudenciales \u00a0 Referencia: expediente: T-950727 \u00a0 Actora: Elizabeth Lobo Urquijo\u00a0 \u00a0 Procedencia: Juzgado \u00danico Laboral del Circuito de Oca\u00f1a \u00a0 Magistrado Ponente:\u00a0 \u00a0 Dr. MARCO GERARDO MONROY CABRA \u00a0 Bogot\u00e1 D. C., cuatro (4) de noviembre de dos mil cuatro (2004) \u00a0 La Sala Sexta de Revisi\u00f3n de la Corte Constitucional, integrada por los Magistrados doctores, Humberto Sierra Porto, \u00c1lvaro Tafur ...<br \/><div class=\"pt-cv-rmwrap\"><a href=\"https:\/\/www.dmsjuridica.com\/buscador_20179478954\/corteconstitucionalcronologico202454587\/t-1100-04\/\" class=\"_self pt-cv-readmore btn btn-success\" target=\"_self\">Ver Sentencia Completa...<\/a><\/div><\/div><\/div><\/div>\n<div class=\"col-md-12 col-sm-12 col-xs-12 pt-cv-content-item pt-cv-1-col\" ><div class='pt-cv-ifield'><a href=\"https:\/\/www.dmsjuridica.com\/buscador_20179478954\/corteconstitucionalcronologico202454587\/t-110-04\/\" class=\"_self pt-cv-href-thumbnail pt-cv-thumb-default\" target=\"_self\" ><\/a>\n<div class=\"pt-cv-taxoterm above_title\"><a href='https:\/\/www.dmsjuridica.com\/buscador_20179478954\/corteconstitucionalcronologico202454587\/category\/buscar-en-toda-la-corte\/2004\/tutelas-2004\/' title='Tutelas 2004' class='pt-cv-tax-tutelas-2004'>Tutelas 2004<\/a><\/div>\n<h4 class=\"pt-cv-title\"><a href=\"https:\/\/www.dmsjuridica.com\/buscador_20179478954\/corteconstitucionalcronologico202454587\/t-110-04\/\" class=\"_self\" target=\"_self\" >T-110-04<\/a><\/h4>\n<div class=\"pt-cv-content\">\u00a0 \u00a0 Sentencia T-110\/04 \u00a0 INAPLICACION DE NORMAS DEL PLAN OBLIGATORIO DE SALUD-Casos en que procede por exclusi\u00f3n de tratamientos y medicamentos de alto costo \u00a0 DERECHO A LA SALUD-Incorpora el derecho al diagn\u00f3stico \u00a0 DERECHO A LA SALUD Y VIDA-Vulneraci\u00f3n por no realizarse examen de diagn\u00f3stico \u00a0 DERECHO A LA SALUD Y VIDA-Pr\u00e1ctica de examen de diagnostico por EPS\/SEGURO SOCIAL-Pr\u00e1ctica de examen de diagn\u00f3stico y repetici\u00f3n contra el Fosyga \u00a0 Acci\u00f3n de tutela instaurada por Wilfredo Urrego D\u00edaz contra el ISS, Seccional Antioquia. \u00a0 Magistrado Ponente : \u00a0 Dr. ALFREDO BELTR\u00c1N SIERRA. \u00a0 Bogot\u00e1, D. C., doce (12) de ...<br \/><div class=\"pt-cv-rmwrap\"><a href=\"https:\/\/www.dmsjuridica.com\/buscador_20179478954\/corteconstitucionalcronologico202454587\/t-110-04\/\" class=\"_self pt-cv-readmore btn btn-success\" target=\"_self\">Ver Sentencia Completa...<\/a><\/div><\/div><\/div><\/div>\n<div class=\"col-md-12 col-sm-12 col-xs-12 pt-cv-content-item pt-cv-1-col\" ><div class='pt-cv-ifield'><a href=\"https:\/\/www.dmsjuridica.com\/buscador_20179478954\/corteconstitucionalcronologico202454587\/t-1099-04\/\" class=\"_self pt-cv-href-thumbnail pt-cv-thumb-default\" target=\"_self\" ><\/a>\n<div class=\"pt-cv-taxoterm above_title\"><a href='https:\/\/www.dmsjuridica.com\/buscador_20179478954\/corteconstitucionalcronologico202454587\/category\/buscar-en-toda-la-corte\/2004\/tutelas-2004\/' title='Tutelas 2004' class='pt-cv-tax-tutelas-2004'>Tutelas 2004<\/a><\/div>\n<h4 class=\"pt-cv-title\"><a href=\"https:\/\/www.dmsjuridica.com\/buscador_20179478954\/corteconstitucionalcronologico202454587\/t-1099-04\/\" class=\"_self\" target=\"_self\" >T-1099-04<\/a><\/h4>\n<div class=\"pt-cv-content\">DERECHO DE PETICION-No puede negarse por no haberse indicado las condiciones en que act\u00faa el solicitante\/JUEZ DE TUTELA-No le corresponde determinar si es necesario acreditar cierta calidad para acceder a determinada informaci\u00f3n\u00a0 \u00a0 A\u00fan cuando en gracia de discusi\u00f3n se admitiera que la aludida circunstancia no prueba la condici\u00f3n de los accionantes, cabe advertir que la titularidad del derecho de petici\u00f3n est\u00e1 en cabeza de \u201ctoda persona\u201d de acuerdo con lo previsto por el art\u00edculo 23 de la Constituci\u00f3n Pol\u00edtica, de manera que la no acreditaci\u00f3n de las calidades en que actuaban los solicitantes no tiene en ning\u00fan caso la ...<br \/><div class=\"pt-cv-rmwrap\"><a href=\"https:\/\/www.dmsjuridica.com\/buscador_20179478954\/corteconstitucionalcronologico202454587\/t-1099-04\/\" class=\"_self pt-cv-readmore btn btn-success\" target=\"_self\">Ver Sentencia Completa...<\/a><\/div><\/div><\/div><\/div>\n<div class=\"col-md-12 col-sm-12 col-xs-12 pt-cv-content-item pt-cv-1-col\" ><div class='pt-cv-ifield'><a href=\"https:\/\/www.dmsjuridica.com\/buscador_20179478954\/corteconstitucionalcronologico202454587\/t-1098-04\/\" class=\"_self pt-cv-href-thumbnail pt-cv-thumb-default\" target=\"_self\" ><\/a>\n<div class=\"pt-cv-taxoterm above_title\"><a href='https:\/\/www.dmsjuridica.com\/buscador_20179478954\/corteconstitucionalcronologico202454587\/category\/buscar-en-toda-la-corte\/2004\/tutelas-2004\/' title='Tutelas 2004' class='pt-cv-tax-tutelas-2004'>Tutelas 2004<\/a><\/div>\n<h4 class=\"pt-cv-title\"><a href=\"https:\/\/www.dmsjuridica.com\/buscador_20179478954\/corteconstitucionalcronologico202454587\/t-1098-04\/\" class=\"_self\" target=\"_self\" >T-1098-04<\/a><\/h4>\n<div class=\"pt-cv-content\">\u00a0 \u00a0 Sentencia T-1098\/04 \u00a0 INPEC-Inscripciones en el proceso de selecci\u00f3n para cursos de complementaci\u00f3n\/INPEC-Desestimaci\u00f3n de la necesidad de la prueba documental por no existir registro de inscripci\u00f3n de quien no cumpl\u00eda con los requisitos para el curso\u00a0 \u00a0 ACTO ADMINISTRATIVO DEL INPEC-Establecer requisitos para convocatoria es competencia exclusiva del Director General \u00a0 En relaci\u00f3n con la convocatoria al concurso para proveer cargos en el INPEC o cupos en alguno de los cursos de la carrera penitenciaria, el art\u00edculo 90 del Decreto 407 de 1994 dispone que se trata de una competencia exclusiva del Director General del Instituto Nacional Penitenciario ...<br \/><div class=\"pt-cv-rmwrap\"><a href=\"https:\/\/www.dmsjuridica.com\/buscador_20179478954\/corteconstitucionalcronologico202454587\/t-1098-04\/\" class=\"_self pt-cv-readmore btn btn-success\" target=\"_self\">Ver Sentencia Completa...<\/a><\/div><\/div><\/div><\/div>\n<div class=\"col-md-12 col-sm-12 col-xs-12 pt-cv-content-item pt-cv-1-col\" ><div class='pt-cv-ifield'><a href=\"https:\/\/www.dmsjuridica.com\/buscador_20179478954\/corteconstitucionalcronologico202454587\/t-1097-04\/\" class=\"_self pt-cv-href-thumbnail pt-cv-thumb-default\" target=\"_self\" ><\/a>\n<div class=\"pt-cv-taxoterm above_title\"><a href='https:\/\/www.dmsjuridica.com\/buscador_20179478954\/corteconstitucionalcronologico202454587\/category\/buscar-en-toda-la-corte\/2004\/tutelas-2004\/' title='Tutelas 2004' class='pt-cv-tax-tutelas-2004'>Tutelas 2004<\/a><\/div>\n<h4 class=\"pt-cv-title\"><a href=\"https:\/\/www.dmsjuridica.com\/buscador_20179478954\/corteconstitucionalcronologico202454587\/t-1097-04\/\" class=\"_self\" target=\"_self\" >T-1097-04<\/a><\/h4>\n<div class=\"pt-cv-content\">\u00a0 \u00a0 Sentencia T-1097\/04 \u00a0 DERECHO A LA SALUD-Fundamental por conexidad\/ENTIDAD PROMOTORA DE SALUD-Obligaci\u00f3n de proporcionar los servicios prescritos por sus m\u00e9dicos \u00a0 ACCION DE TUTELA CONTRA ENTIDAD PROMOTORA DE SALUD-Procedencia por vulneraci\u00f3n al derecho a la salud en conexidad con la vida digna \u00a0 ENTIDAD PROMOTORA DE SALUD-Deber de contratar servicios m\u00e9dicos con IPS cercanas a las ciudades de residencia de los usuarios \u00a0 La Sala retoma el tema de las EPS y el papel de las mismas en la prestaci\u00f3n de los servicios de salud en el R\u00e9gimen Contributivo, en consecuencia, reitera que las entidades departamentales deben procurar ...<br \/><div class=\"pt-cv-rmwrap\"><a href=\"https:\/\/www.dmsjuridica.com\/buscador_20179478954\/corteconstitucionalcronologico202454587\/t-1097-04\/\" class=\"_self pt-cv-readmore btn btn-success\" target=\"_self\">Ver Sentencia Completa...<\/a><\/div><\/div><\/div><\/div>\n<div class=\"col-md-12 col-sm-12 col-xs-12 pt-cv-content-item pt-cv-1-col\" ><div class='pt-cv-ifield'><a href=\"https:\/\/www.dmsjuridica.com\/buscador_20179478954\/corteconstitucionalcronologico202454587\/t-1096-04\/\" class=\"_self pt-cv-href-thumbnail pt-cv-thumb-default\" target=\"_self\" ><\/a>\n<div class=\"pt-cv-taxoterm above_title\"><a href='https:\/\/www.dmsjuridica.com\/buscador_20179478954\/corteconstitucionalcronologico202454587\/category\/buscar-en-toda-la-corte\/2004\/tutelas-2004\/' title='Tutelas 2004' class='pt-cv-tax-tutelas-2004'>Tutelas 2004<\/a><\/div>\n<h4 class=\"pt-cv-title\"><a href=\"https:\/\/www.dmsjuridica.com\/buscador_20179478954\/corteconstitucionalcronologico202454587\/t-1096-04\/\" class=\"_self\" target=\"_self\" >T-1096-04<\/a><\/h4>\n<div class=\"pt-cv-content\">\u00a0 \u00a0 Sentencia T-1096\/04 \u00a0 PERSONA PRIVADA DE LA LIBERTAD-Protecci\u00f3n constitucional especial\/DERECHO A LA DIGNIDAD HUMANA DEL INTERNO-Deber del Estado de garantizarlo\u00a0 \u00a0 La jurisprudencia de esta Corporaci\u00f3n ha se\u00f1alado que las personas privadas de la libertad se encuentran en una situaci\u00f3n de especial vulnerabilidad que impone especiales deberes al Estado. Se ha indicado que este deber surge tanto de la Constituci\u00f3n, la ley y la jurisprudencia, como del sistema de protecci\u00f3n de derechos humanos. Para la jurisprudencia constitucional ha sido claro que en el contexto de un Estado social de derecho\u00a0le est\u00e1 permitido al Estado suspenderle a algunos ciudadanos, ...<br \/><div class=\"pt-cv-rmwrap\"><a href=\"https:\/\/www.dmsjuridica.com\/buscador_20179478954\/corteconstitucionalcronologico202454587\/t-1096-04\/\" class=\"_self pt-cv-readmore btn btn-success\" target=\"_self\">Ver Sentencia Completa...<\/a><\/div><\/div><\/div><\/div>\n<div class=\"col-md-12 col-sm-12 col-xs-12 pt-cv-content-item pt-cv-1-col\" ><div class='pt-cv-ifield'><a href=\"https:\/\/www.dmsjuridica.com\/buscador_20179478954\/corteconstitucionalcronologico202454587\/t-1095-04\/\" class=\"_self pt-cv-href-thumbnail pt-cv-thumb-default\" target=\"_self\" ><\/a>\n<div class=\"pt-cv-taxoterm above_title\"><a href='https:\/\/www.dmsjuridica.com\/buscador_20179478954\/corteconstitucionalcronologico202454587\/category\/buscar-en-toda-la-corte\/2004\/tutelas-2004\/' title='Tutelas 2004' class='pt-cv-tax-tutelas-2004'>Tutelas 2004<\/a><\/div>\n<h4 class=\"pt-cv-title\"><a href=\"https:\/\/www.dmsjuridica.com\/buscador_20179478954\/corteconstitucionalcronologico202454587\/t-1095-04\/\" class=\"_self\" target=\"_self\" >T-1095-04<\/a><\/h4>\n<div class=\"pt-cv-content\">\u00a0 \u00a0 Sentencia T-1095\/04 \u00a0 VIA DE HECHO-Clases de defectos en la actuaci\u00f3n \u00a0 ACCION DE TUTELA CONTRA PROVIDENCIAS JUDICIALES POR VIA DE HECHO-Requisitos para que proceda \u00a0 VIA DE HECHO POR DEFECTO FACTICO-Eventos en que se presentan \u00a0 La Corte ha identificado dos dimensiones en las que se presentan defectos f\u00e1cticos: 1) Una dimensi\u00f3n negativa que ocurre cuando el juez niega o valora la prueba de manera arbitraria, irracional y caprichosau omite su valoraci\u00f3n y sin raz\u00f3n valedera da por no probado el hecho o la circunstancia que de la misma emerge clara y objetivamente. Esta dimensi\u00f3n comprende las ...<br \/><div class=\"pt-cv-rmwrap\"><a href=\"https:\/\/www.dmsjuridica.com\/buscador_20179478954\/corteconstitucionalcronologico202454587\/t-1095-04\/\" class=\"_self pt-cv-readmore btn btn-success\" target=\"_self\">Ver Sentencia Completa...<\/a><\/div><\/div><\/div><\/div>\n<div class=\"col-md-12 col-sm-12 col-xs-12 pt-cv-content-item pt-cv-1-col\" ><div class='pt-cv-ifield'><a href=\"https:\/\/www.dmsjuridica.com\/buscador_20179478954\/corteconstitucionalcronologico202454587\/t-1094-04\/\" class=\"_self pt-cv-href-thumbnail pt-cv-thumb-default\" target=\"_self\" ><\/a>\n<div class=\"pt-cv-taxoterm above_title\"><a href='https:\/\/www.dmsjuridica.com\/buscador_20179478954\/corteconstitucionalcronologico202454587\/category\/buscar-en-toda-la-corte\/2004\/tutelas-2004\/' title='Tutelas 2004' class='pt-cv-tax-tutelas-2004'>Tutelas 2004<\/a><\/div>\n<h4 class=\"pt-cv-title\"><a href=\"https:\/\/www.dmsjuridica.com\/buscador_20179478954\/corteconstitucionalcronologico202454587\/t-1094-04\/\" class=\"_self\" target=\"_self\" >T-1094-04<\/a><\/h4>\n<div class=\"pt-cv-content\">\u00a0 \u00a0 Sentencia T-1094\/04 \u00a0 ACCION DE TUTELA-Procedencia respecto a desplazados \u00a0 INSCRIPCION EN REGISTRO NACIONAL DE DESPLAZADOS-Falencias en el sistema \u00a0 DESPLAZAMIENTO FORZADO-No requiere ser declarado por entidad p\u00fablica o privada\/DESPLAZAMIENTO FORZADO-Situaci\u00f3n de hecho \u00a0 DERECHOS DE LOS DESPLAZADOS-Autoridades deben ajustar su conducta a lo previsto en la Constituci\u00f3n y a los principios rectores del desplazamiento\u00a0 \u00a0 REGISTRO UNICO DE POBLACION DESPLAZADA-Uso de formatos y criterios uniformes en la toma de decisiones \u00a0 DERECHOS FUNDAMENTALES DE LOS DESPLAZADOS-Aplicaci\u00f3n de la interpretaci\u00f3n \u00a0m\u00e1s favorable \u00a0 PRESUNCION DE LA BUENA FE-Desplazados internos \u00a0 DESPLAZAMIENTO FORZADO-Dificultad en la prueba de la causa ...<br \/><div class=\"pt-cv-rmwrap\"><a href=\"https:\/\/www.dmsjuridica.com\/buscador_20179478954\/corteconstitucionalcronologico202454587\/t-1094-04\/\" class=\"_self pt-cv-readmore btn btn-success\" target=\"_self\">Ver Sentencia Completa...<\/a><\/div><\/div><\/div><\/div>\n<div class=\"col-md-12 col-sm-12 col-xs-12 pt-cv-content-item pt-cv-1-col\" ><div class='pt-cv-ifield'><a href=\"https:\/\/www.dmsjuridica.com\/buscador_20179478954\/corteconstitucionalcronologico202454587\/t-1093-04\/\" class=\"_self pt-cv-href-thumbnail pt-cv-thumb-default\" target=\"_self\" ><\/a>\n<div class=\"pt-cv-taxoterm above_title\"><a href='https:\/\/www.dmsjuridica.com\/buscador_20179478954\/corteconstitucionalcronologico202454587\/category\/buscar-en-toda-la-corte\/2004\/tutelas-2004\/' title='Tutelas 2004' class='pt-cv-tax-tutelas-2004'>Tutelas 2004<\/a><\/div>\n<h4 class=\"pt-cv-title\"><a href=\"https:\/\/www.dmsjuridica.com\/buscador_20179478954\/corteconstitucionalcronologico202454587\/t-1093-04\/\" class=\"_self\" target=\"_self\" >T-1093-04<\/a><\/h4>\n<div class=\"pt-cv-content\">\u00a0 \u00a0 Sentencia T-1093\/04 \u00a0 ACCION DE TUTELA-Procedencia como mecanismo transitorio para evitar un perjuicio irremediable \u00a0 La configuraci\u00f3n de un perjuicio irremediable que ha de ser prevenido por v\u00eda de la \u00a0acci\u00f3n de tutela surge, en este orden de ideas, cuando se presentan circunstancias excepcionales tales como las siguientes: (i) que existan motivos serios y razonables que indiquen que una determinada providencia sancionatoria en materia disciplinaria puede haber sido adoptada con desconocimiento de las garant\u00edas constitucionales y legales pertinentes y, por ende, con violaci\u00f3n de los derechos fundamentales de los afectados, en particular al debido proceso; (ii) que el ...<br \/><div class=\"pt-cv-rmwrap\"><a href=\"https:\/\/www.dmsjuridica.com\/buscador_20179478954\/corteconstitucionalcronologico202454587\/t-1093-04\/\" class=\"_self pt-cv-readmore btn btn-success\" target=\"_self\">Ver Sentencia Completa...<\/a><\/div><\/div><\/div><\/div>\n<div class=\"col-md-12 col-sm-12 col-xs-12 pt-cv-content-item pt-cv-1-col\" ><div class='pt-cv-ifield'><a href=\"https:\/\/www.dmsjuridica.com\/buscador_20179478954\/corteconstitucionalcronologico202454587\/t-1092-04\/\" class=\"_self pt-cv-href-thumbnail pt-cv-thumb-default\" target=\"_self\" ><\/a>\n<div class=\"pt-cv-taxoterm above_title\"><a href='https:\/\/www.dmsjuridica.com\/buscador_20179478954\/corteconstitucionalcronologico202454587\/category\/buscar-en-toda-la-corte\/2004\/tutelas-2004\/' title='Tutelas 2004' class='pt-cv-tax-tutelas-2004'>Tutelas 2004<\/a><\/div>\n<h4 class=\"pt-cv-title\"><a href=\"https:\/\/www.dmsjuridica.com\/buscador_20179478954\/corteconstitucionalcronologico202454587\/t-1092-04\/\" class=\"_self\" target=\"_self\" >T-1092-04<\/a><\/h4>\n<div class=\"pt-cv-content\">DERECHO A LA SALUD DEL ENFERMO DE SIDA-Fundamental por conexidad con la vida \u00a0 DERECHO A LA SALUD DEL ENFERMO DE SIDA-Realizaci\u00f3n de diagn\u00f3stico y tratamiento aunque est\u00e9n excluidos del POS \u00a0 INAPLICACION DE NORMAS DEL PLAN OBLIGATORIO DE SALUD-Hip\u00f3tesis f\u00e1cticas que la determinan \u00a0 DERECHO A LA SALUD DEL ENFERMO DE SIDA-No realizar examen de carga viral y CD4 impide determinar la clase de tratamiento que se puede aplicar \u00a0 PLAN OBLIGATORIO DE SALUD-Prueba diagn\u00f3stica de carga viral se incluy\u00f3 en el POS \u00a0 Valga resaltar que hasta \u00a0hace poco la prueba diagn\u00f3stica de Carga Viral se encontraba excluida ...<br \/><div class=\"pt-cv-rmwrap\"><a href=\"https:\/\/www.dmsjuridica.com\/buscador_20179478954\/corteconstitucionalcronologico202454587\/t-1092-04\/\" class=\"_self pt-cv-readmore btn btn-success\" target=\"_self\">Ver Sentencia Completa...<\/a><\/div><\/div><\/div><\/div>\n<div class=\"col-md-12 col-sm-12 col-xs-12 pt-cv-content-item pt-cv-1-col\" ><div class='pt-cv-ifield'><a href=\"https:\/\/www.dmsjuridica.com\/buscador_20179478954\/corteconstitucionalcronologico202454587\/t-1091-04\/\" class=\"_self pt-cv-href-thumbnail pt-cv-thumb-default\" target=\"_self\" ><\/a>\n<div class=\"pt-cv-taxoterm above_title\"><a href='https:\/\/www.dmsjuridica.com\/buscador_20179478954\/corteconstitucionalcronologico202454587\/category\/buscar-en-toda-la-corte\/2004\/tutelas-2004\/' title='Tutelas 2004' class='pt-cv-tax-tutelas-2004'>Tutelas 2004<\/a><\/div>\n<h4 class=\"pt-cv-title\"><a href=\"https:\/\/www.dmsjuridica.com\/buscador_20179478954\/corteconstitucionalcronologico202454587\/t-1091-04\/\" class=\"_self\" target=\"_self\" >T-1091-04<\/a><\/h4>\n<div class=\"pt-cv-content\">\u00a0 \u00a0 Sentencia T-1091\/04 \u00a0 DERECHO A LA SALUD DE PERSONA DE LA TERCERA EDAD-No se puede oponer el no pago de las cuotas de recuperaci\u00f3n ante situaci\u00f3n de urgencia \u00a0 DERECHO A LA SALUD-Fundamental por conexidad con la vida \u00a0 En reiteradas oportunidades esta Corporaci\u00f3n ha se\u00f1alado que cuando una persona requiere de un tratamiento m\u00e9dico con urgencia, y no pueda acceder a \u00e9ste, por no tener la capacidad econ\u00f3mica suficiente para pagar los copagos, las cuotas moderadoras, las cuotas de recuperaci\u00f3n o el porcentaje equivalente a las semanas de cotizaci\u00f3n faltantes, se deber\u00e1 inaplicar la normatividad al respecto ...<br \/><div class=\"pt-cv-rmwrap\"><a href=\"https:\/\/www.dmsjuridica.com\/buscador_20179478954\/corteconstitucionalcronologico202454587\/t-1091-04\/\" class=\"_self pt-cv-readmore btn btn-success\" target=\"_self\">Ver Sentencia Completa...<\/a><\/div><\/div><\/div><\/div>\n<div class=\"col-md-12 col-sm-12 col-xs-12 pt-cv-content-item pt-cv-1-col\" ><div class='pt-cv-ifield'><a href=\"https:\/\/www.dmsjuridica.com\/buscador_20179478954\/corteconstitucionalcronologico202454587\/t-1090-04\/\" class=\"_self pt-cv-href-thumbnail pt-cv-thumb-default\" target=\"_self\" ><\/a>\n<div class=\"pt-cv-taxoterm above_title\"><a href='https:\/\/www.dmsjuridica.com\/buscador_20179478954\/corteconstitucionalcronologico202454587\/category\/buscar-en-toda-la-corte\/2004\/tutelas-2004\/' title='Tutelas 2004' class='pt-cv-tax-tutelas-2004'>Tutelas 2004<\/a><\/div>\n<h4 class=\"pt-cv-title\"><a href=\"https:\/\/www.dmsjuridica.com\/buscador_20179478954\/corteconstitucionalcronologico202454587\/t-1090-04\/\" class=\"_self\" target=\"_self\" >T-1090-04<\/a><\/h4>\n<div class=\"pt-cv-content\">DERECHO A LA SALUD MENTAL-Fundamental por conexidad con la vida \u00a0 DERECHO A LA SALUD DEL DISMINUIDO FISICO Y PSIQUICO-Rehabilitaci\u00f3n e integraci\u00f3n social por el Estado garantizando una vida digna \u00a0 PERSONA AFECTADA CON ENFERMEDAD MENTAL-Tratamiento intrahospitalario\/PERSONA AFECTADA CON ENFERMEDAD MENTAL-Tratamiento dentro de entorno social \u00a0 Reivindicando los derechos fundamentales de los disminuidos ps\u00edquicos, la jurisprudencia constitucional ha sostenido que las personas aquejadas por enfermedades mentales tienen el derecho a no permanecer internados de manera definitiva. Bien sea que se trate de una medida de seguridad de internaci\u00f3n psiqui\u00e1trica impuesta a unos convictos inimputables, o de cualquier enfermo internado en ...<br \/><div class=\"pt-cv-rmwrap\"><a href=\"https:\/\/www.dmsjuridica.com\/buscador_20179478954\/corteconstitucionalcronologico202454587\/t-1090-04\/\" class=\"_self pt-cv-readmore btn btn-success\" target=\"_self\">Ver Sentencia Completa...<\/a><\/div><\/div><\/div><\/div>\n<div class=\"col-md-12 col-sm-12 col-xs-12 pt-cv-content-item pt-cv-1-col\" ><div class='pt-cv-ifield'><a href=\"https:\/\/www.dmsjuridica.com\/buscador_20179478954\/corteconstitucionalcronologico202454587\/t-109-04\/\" class=\"_self pt-cv-href-thumbnail pt-cv-thumb-default\" target=\"_self\" ><\/a>\n<div class=\"pt-cv-taxoterm above_title\"><a href='https:\/\/www.dmsjuridica.com\/buscador_20179478954\/corteconstitucionalcronologico202454587\/category\/buscar-en-toda-la-corte\/2004\/tutelas-2004\/' title='Tutelas 2004' class='pt-cv-tax-tutelas-2004'>Tutelas 2004<\/a><\/div>\n<h4 class=\"pt-cv-title\"><a href=\"https:\/\/www.dmsjuridica.com\/buscador_20179478954\/corteconstitucionalcronologico202454587\/t-109-04\/\" class=\"_self\" target=\"_self\" >T-109-04<\/a><\/h4>\n<div class=\"pt-cv-content\">\u00a0 \u00a0 Sentencia T-109\/04 \u00a0 CUMPLIMIENTO DE PROVIDENCIAS JUDICIALES-Observancia \u00a0 ACCION DE TUTELA-Cumplimiento de fallos judiciales para hacer efectivas obligaciones de hacer\/ACCION DE TUTELA-Improcedencia general para cumplimiento de fallos que generan obligaciones de dar \u00a0 EMPRESA EN LIQUIDACION-Falta de recursos no es excusa para no pago de pensiones \u00a0 PENSION DE JUBILACION-Inclusi\u00f3n en n\u00f3mina para el pago por la empresa Alcalis de Colombia en liquidaci\u00f3n \u00a0 Referencia: expediente T-806731 \u00a0 Acci\u00f3n de tutela instaurada por Romel Virgilio Angulo Gracia contra \u00c1lcalis de Colombia Ltda., en Liquidaci\u00f3n; el Instituto de Fomento Industrial; y, la Naci\u00f3n \u2013 Ministerio de Comercio Industria y ...<br \/><div class=\"pt-cv-rmwrap\"><a href=\"https:\/\/www.dmsjuridica.com\/buscador_20179478954\/corteconstitucionalcronologico202454587\/t-109-04\/\" class=\"_self pt-cv-readmore btn btn-success\" target=\"_self\">Ver Sentencia Completa...<\/a><\/div><\/div><\/div><\/div>\n<div class=\"col-md-12 col-sm-12 col-xs-12 pt-cv-content-item pt-cv-1-col\" ><div class='pt-cv-ifield'><a href=\"https:\/\/www.dmsjuridica.com\/buscador_20179478954\/corteconstitucionalcronologico202454587\/t-1089-04\/\" class=\"_self pt-cv-href-thumbnail pt-cv-thumb-default\" target=\"_self\" ><\/a>\n<div class=\"pt-cv-taxoterm above_title\"><a href='https:\/\/www.dmsjuridica.com\/buscador_20179478954\/corteconstitucionalcronologico202454587\/category\/buscar-en-toda-la-corte\/2004\/tutelas-2004\/' title='Tutelas 2004' class='pt-cv-tax-tutelas-2004'>Tutelas 2004<\/a><\/div>\n<h4 class=\"pt-cv-title\"><a href=\"https:\/\/www.dmsjuridica.com\/buscador_20179478954\/corteconstitucionalcronologico202454587\/t-1089-04\/\" class=\"_self\" target=\"_self\" >T-1089-04<\/a><\/h4>\n<div class=\"pt-cv-content\">\u00a0 \u00a0 NOTA DE RELATORIA: ESTA SENTENCIA FUE ANULADA MEDIANTE AUTO 135 DE 2005\u00a0 \u00a0 Sentencia T-1089\/04 \u00a0 ACCION DE TUTELA CONTRA PROVIDENCIAS JUDICIALES-Car\u00e1cter excepcional \u00a0 ACCION DE TUTELA CONTRA PROVIDENCIAS JUDICIALES-Improcedencia por no ejercicio oportuno de mecanismos de defensa judicial \u00a0 INDEXACION-El juez de oficio puede hacerla respecto de pagos que se ordenen en sentencia \u00a0 PRINCIPIO NO REFORMATIO IN PEJUS-Desarrollo jurisprudencial \u00a0 PRINCIPIO NO REFORMATIO IN PEJUS-Principio general de derecho procesal y garant\u00eda constitucional \u00a0 ACCION DE TUTELA CONTRA PROVIDENCIAS JUDICIALES POR VIA DE HECHO-Procede por desconocer el principio de la \u201cno reformatio in pejus\u201d \u00a0 ACCION DE ...<br \/><div class=\"pt-cv-rmwrap\"><a href=\"https:\/\/www.dmsjuridica.com\/buscador_20179478954\/corteconstitucionalcronologico202454587\/t-1089-04\/\" class=\"_self pt-cv-readmore btn btn-success\" target=\"_self\">Ver Sentencia Completa...<\/a><\/div><\/div><\/div><\/div>\n<div class=\"col-md-12 col-sm-12 col-xs-12 pt-cv-content-item pt-cv-1-col\" ><div class='pt-cv-ifield'><a href=\"https:\/\/www.dmsjuridica.com\/buscador_20179478954\/corteconstitucionalcronologico202454587\/t-1086-04\/\" class=\"_self pt-cv-href-thumbnail pt-cv-thumb-default\" target=\"_self\" ><\/a>\n<div class=\"pt-cv-taxoterm above_title\"><a href='https:\/\/www.dmsjuridica.com\/buscador_20179478954\/corteconstitucionalcronologico202454587\/category\/buscar-en-toda-la-corte\/2004\/tutelas-2004\/' title='Tutelas 2004' class='pt-cv-tax-tutelas-2004'>Tutelas 2004<\/a><\/div>\n<h4 class=\"pt-cv-title\"><a href=\"https:\/\/www.dmsjuridica.com\/buscador_20179478954\/corteconstitucionalcronologico202454587\/t-1086-04\/\" class=\"_self\" target=\"_self\" >T-1086-04<\/a><\/h4>\n<div class=\"pt-cv-content\">\u00a0 \u00a0 Sentencia T-1086\/04 \u00a0 ACCION DE TUTELA CONTRA ENTIDAD PUBLICA-Procedencia excepcional pago oportuno de salario\u00a0 \u00a0 DERECHO AL MINIMO VITAL DEL TRABAJADOR-Pago oportuno de salarios \u00a0 DERECHO AL MINIMO VITAL-Prueba directa o indirecta de situaci\u00f3n econ\u00f3mica\u00a0 \u00a0 Reiteraci\u00f3n de Jurisprudencia \u00a0 Referencia: expediente T-962260\u00a0 \u00a0 Acci\u00f3n de tutela instaurada por Milady Celmira L\u00f3pez Cardenas contra la E.S.E. Hospital Universitario Ram\u00f3n Gonz\u00e1lez Valencia. \u00a0 Magistrado Ponente: \u00a0 Dr. JAIME C\u00d3RDOBA TRIVI\u00d1O \u00a0 Bogot\u00e1 D.C., veintinueve (29) de octubre de dos mil cuatro (2004). \u00a0 La Sala Cuarta de Revisi\u00f3n de la Corte Constitucional, integrada por los Magistrados RODRIGO ESCOBAR GIL, ...<br \/><div class=\"pt-cv-rmwrap\"><a href=\"https:\/\/www.dmsjuridica.com\/buscador_20179478954\/corteconstitucionalcronologico202454587\/t-1086-04\/\" class=\"_self pt-cv-readmore btn btn-success\" target=\"_self\">Ver Sentencia Completa...<\/a><\/div><\/div><\/div><\/div>\n<div class=\"col-md-12 col-sm-12 col-xs-12 pt-cv-content-item pt-cv-1-col\" ><div class='pt-cv-ifield'><a href=\"https:\/\/www.dmsjuridica.com\/buscador_20179478954\/corteconstitucionalcronologico202454587\/t-1085-04\/\" class=\"_self pt-cv-href-thumbnail pt-cv-thumb-default\" target=\"_self\" ><\/a>\n<div class=\"pt-cv-taxoterm above_title\"><a href='https:\/\/www.dmsjuridica.com\/buscador_20179478954\/corteconstitucionalcronologico202454587\/category\/buscar-en-toda-la-corte\/2004\/tutelas-2004\/' title='Tutelas 2004' class='pt-cv-tax-tutelas-2004'>Tutelas 2004<\/a><\/div>\n<h4 class=\"pt-cv-title\"><a href=\"https:\/\/www.dmsjuridica.com\/buscador_20179478954\/corteconstitucionalcronologico202454587\/t-1085-04\/\" class=\"_self\" target=\"_self\" >T-1085-04<\/a><\/h4>\n<div class=\"pt-cv-content\">\u00a0 \u00a0 Sentencia T-1085\/04 \u00a0 ACCION DE TUTELA CONTRA PARTICULARES-Procedencia\u00a0 \u00a0 MUJER EMBARAZADA-Protecci\u00f3n constitucional especial \u00a0 DERECHO A LA ESTABILIDAD LABORAL REFORZADA DE MUJER EMBARAZADA-Protecci\u00f3n \u00a0 ACCION DE TUTELA TRANSITORIA DEL DERECHO A LA ESTABILIDAD LABORAL REFORZADA DE MUJER EMBARAZADA-Elementos f\u00e1cticos que deben demostrarse \u00a0 MUJER TRABAJADORA EMBARAZADA-Diferentes formas por las cuales el empleador puede llegar a conocer del embarazo de una trabajadora \u00a0 ESTABILIDAD LABORAL REFORZADA DE MUJER EMBARAZADA-Liquidaci\u00f3n de la sociedad no es justa causa por no haberse expuesto al momento del despido\u00a0 \u00a0 Esta Sala reitera que es al empleador a quien le corresponde asumir la carga ...<br \/><div class=\"pt-cv-rmwrap\"><a href=\"https:\/\/www.dmsjuridica.com\/buscador_20179478954\/corteconstitucionalcronologico202454587\/t-1085-04\/\" class=\"_self pt-cv-readmore btn btn-success\" target=\"_self\">Ver Sentencia Completa...<\/a><\/div><\/div><\/div><\/div>\n<div class=\"col-md-12 col-sm-12 col-xs-12 pt-cv-content-item pt-cv-1-col\" ><div class='pt-cv-ifield'><a href=\"https:\/\/www.dmsjuridica.com\/buscador_20179478954\/corteconstitucionalcronologico202454587\/t-1084-04\/\" class=\"_self pt-cv-href-thumbnail pt-cv-thumb-default\" target=\"_self\" ><\/a>\n<div class=\"pt-cv-taxoterm above_title\"><a href='https:\/\/www.dmsjuridica.com\/buscador_20179478954\/corteconstitucionalcronologico202454587\/category\/buscar-en-toda-la-corte\/2004\/tutelas-2004\/' title='Tutelas 2004' class='pt-cv-tax-tutelas-2004'>Tutelas 2004<\/a><\/div>\n<h4 class=\"pt-cv-title\"><a href=\"https:\/\/www.dmsjuridica.com\/buscador_20179478954\/corteconstitucionalcronologico202454587\/t-1084-04\/\" class=\"_self\" target=\"_self\" >T-1084-04<\/a><\/h4>\n<div class=\"pt-cv-content\">\u00a0 \u00a0 Sentencia T-1084\/04 \u00a0 ACCION DE TUTELA CONTRA PROVIDENCIAS JUDICIALES-V\u00eda de hecho por defecto sustantivo \u00a0 \u00a0 \u00a0 CONJUNTO RESIDENCIAL-Clasificaci\u00f3n de bienes en p\u00fablicos, privados y comunes\/CONJUNTO RESIDENCIAL-Facultades que tiene la junta de acci\u00f3n comunal sobre los diferentes bienes \u00a0 Son bienes de uso p\u00fablico en la urbanizaci\u00f3n El Aguinaldo las v\u00edas, zonas verdes, parqueaderos, andenes y caminos peatonales, frente a los cuales \u201cninguna persona natural y\/o junta de Acci\u00f3n Comunal y\/o organizaci\u00f3n est\u00e1 facultada para administrar, mantener ni aprovechar econ\u00f3micamente la citada zona\u201d. En relaci\u00f3n con tales bienes, est\u00e1 \u201cprohibido su cerramiento o privatizaci\u00f3n\u201d. En relaci\u00f3n con los ...<br \/><div class=\"pt-cv-rmwrap\"><a href=\"https:\/\/www.dmsjuridica.com\/buscador_20179478954\/corteconstitucionalcronologico202454587\/t-1084-04\/\" class=\"_self pt-cv-readmore btn btn-success\" target=\"_self\">Ver Sentencia Completa...<\/a><\/div><\/div><\/div><\/div>\n<div class=\"col-md-12 col-sm-12 col-xs-12 pt-cv-content-item pt-cv-1-col\" ><div class='pt-cv-ifield'><a href=\"https:\/\/www.dmsjuridica.com\/buscador_20179478954\/corteconstitucionalcronologico202454587\/t-1083-04\/\" class=\"_self pt-cv-href-thumbnail pt-cv-thumb-default\" target=\"_self\" ><\/a>\n<div class=\"pt-cv-taxoterm above_title\"><a href='https:\/\/www.dmsjuridica.com\/buscador_20179478954\/corteconstitucionalcronologico202454587\/category\/buscar-en-toda-la-corte\/2004\/tutelas-2004\/' title='Tutelas 2004' class='pt-cv-tax-tutelas-2004'>Tutelas 2004<\/a><\/div>\n<h4 class=\"pt-cv-title\"><a href=\"https:\/\/www.dmsjuridica.com\/buscador_20179478954\/corteconstitucionalcronologico202454587\/t-1083-04\/\" class=\"_self\" target=\"_self\" >T-1083-04<\/a><\/h4>\n<div class=\"pt-cv-content\">\u00a0 \u00a0 Sentencia T-1083\/04 \u00a0 SERVICIO MILITAR-Obligaci\u00f3n del ciudadano\u00a0 \u00a0 SERVICIO MILITAR-Procedimiento para la obtenci\u00f3n de la libreta militar \u00a0 FUERZAS MILITARES-Ciudadano que incumpla concentraci\u00f3n ser\u00e1 declarado remiso y se le impondr\u00e1 una multa \u00a0 DEBIDO PROCESO-Debe aplicarse a toda clase de actuaciones judiciales y administrativas \u00a0 DERECHO AL TRABAJO-Vulneraci\u00f3n por las Fuerzas Militares por no expedir la libreta militar \u00a0 FUERZAS MILITARES-Imposibilidad de cobrar una multa al ciudadano por error imputado a la administraci\u00f3n \u00a0 DEBIDO PROCESO-Vulneraci\u00f3n por parte de las Fuerzas Militares al no notificar e impedir el ejercicio de recursos contra acto administrativo que condena a multa\u00a0 ...<br \/><div class=\"pt-cv-rmwrap\"><a href=\"https:\/\/www.dmsjuridica.com\/buscador_20179478954\/corteconstitucionalcronologico202454587\/t-1083-04\/\" class=\"_self pt-cv-readmore btn btn-success\" target=\"_self\">Ver Sentencia Completa...<\/a><\/div><\/div><\/div><\/div>\n<div class=\"col-md-12 col-sm-12 col-xs-12 pt-cv-content-item pt-cv-1-col\" ><div class='pt-cv-ifield'><a href=\"https:\/\/www.dmsjuridica.com\/buscador_20179478954\/corteconstitucionalcronologico202454587\/t-1082-04\/\" class=\"_self pt-cv-href-thumbnail pt-cv-thumb-default\" target=\"_self\" ><\/a>\n<div class=\"pt-cv-taxoterm above_title\"><a href='https:\/\/www.dmsjuridica.com\/buscador_20179478954\/corteconstitucionalcronologico202454587\/category\/buscar-en-toda-la-corte\/2004\/tutelas-2004\/' title='Tutelas 2004' class='pt-cv-tax-tutelas-2004'>Tutelas 2004<\/a><\/div>\n<h4 class=\"pt-cv-title\"><a href=\"https:\/\/www.dmsjuridica.com\/buscador_20179478954\/corteconstitucionalcronologico202454587\/t-1082-04\/\" class=\"_self\" target=\"_self\" >T-1082-04<\/a><\/h4>\n<div class=\"pt-cv-content\">\u00a0 \u00a0 Sentencia T-1082\/04 \u00a0 ACCION DE TUTELA-Inexistencia de hecho superado\u00a0 \u00a0 DERECHO A LA SALUD DEL ENFERMO DE SIDA-Protecci\u00f3n especial constitucional \u00a0 Dada la gravedad de su enfermedad, ha se\u00f1alado la Corte, \u00e9stos merecen una atenci\u00f3n mayor por parte del Estado. As\u00ed pues, la persona que se encuentra infectada por el VIH, por las incalculables proporciones de ese mal, ve amenazada su existencia misma, y frente a ello debe el Estado adoptar una posici\u00f3n activa para garantizar que no se le condene a vivir en condiciones inferiores. De igual manera, la Corte ha manifestado que esa patolog\u00eda coloca a ...<br \/><div class=\"pt-cv-rmwrap\"><a href=\"https:\/\/www.dmsjuridica.com\/buscador_20179478954\/corteconstitucionalcronologico202454587\/t-1082-04\/\" class=\"_self pt-cv-readmore btn btn-success\" target=\"_self\">Ver Sentencia Completa...<\/a><\/div><\/div><\/div><\/div>\n<div class=\"col-md-12 col-sm-12 col-xs-12 pt-cv-content-item pt-cv-1-col\" ><div class='pt-cv-ifield'><a href=\"https:\/\/www.dmsjuridica.com\/buscador_20179478954\/corteconstitucionalcronologico202454587\/t-1081-04\/\" class=\"_self pt-cv-href-thumbnail pt-cv-thumb-default\" target=\"_self\" ><\/a>\n<div class=\"pt-cv-taxoterm above_title\"><a href='https:\/\/www.dmsjuridica.com\/buscador_20179478954\/corteconstitucionalcronologico202454587\/category\/buscar-en-toda-la-corte\/2004\/tutelas-2004\/' title='Tutelas 2004' class='pt-cv-tax-tutelas-2004'>Tutelas 2004<\/a><\/div>\n<h4 class=\"pt-cv-title\"><a href=\"https:\/\/www.dmsjuridica.com\/buscador_20179478954\/corteconstitucionalcronologico202454587\/t-1081-04\/\" class=\"_self\" target=\"_self\" >T-1081-04<\/a><\/h4>\n<div class=\"pt-cv-content\">\u00a0 \u00a0 Sentencia T-1081\/04 \u00a0 DOCTRINA CONSTITUCIONAL SOBRE HABEAS CORPUS-Naturaleza y caracter\u00edsticas \u00a0 HABEAS CORPUS-Eventos para la procedencia \u00a0 HABEAS CORPUS-Improcedencia cuando la privaci\u00f3n de la libertad se funda en providencia judicial \u00a0 DEBIDO PROCESO Y HABEAS CORPUS-Vulneraci\u00f3n por haberlo negado argumentando que la privaci\u00f3n de la libertad se funda en providencia judicial inexistente \u00a0 Infiere esta Sala de Revisi\u00f3n, entonces, que tanto el Tribunal Superior en el auto que resolvi\u00f3 en segunda instancia la acci\u00f3n de Habeas Corpus como la Sala de Casaci\u00f3n Penal de la Corte Suprema de Justicia que deneg\u00f3 la acci\u00f3n de tutela formulada por el ...<br \/><div class=\"pt-cv-rmwrap\"><a href=\"https:\/\/www.dmsjuridica.com\/buscador_20179478954\/corteconstitucionalcronologico202454587\/t-1081-04\/\" class=\"_self pt-cv-readmore btn btn-success\" target=\"_self\">Ver Sentencia Completa...<\/a><\/div><\/div><\/div><\/div>\n<div class=\"col-md-12 col-sm-12 col-xs-12 pt-cv-content-item pt-cv-1-col\" ><div class='pt-cv-ifield'><a href=\"https:\/\/www.dmsjuridica.com\/buscador_20179478954\/corteconstitucionalcronologico202454587\/t-1080-04\/\" class=\"_self pt-cv-href-thumbnail pt-cv-thumb-default\" target=\"_self\" ><\/a>\n<div class=\"pt-cv-taxoterm above_title\"><a href='https:\/\/www.dmsjuridica.com\/buscador_20179478954\/corteconstitucionalcronologico202454587\/category\/buscar-en-toda-la-corte\/2004\/tutelas-2004\/' title='Tutelas 2004' class='pt-cv-tax-tutelas-2004'>Tutelas 2004<\/a><\/div>\n<h4 class=\"pt-cv-title\"><a href=\"https:\/\/www.dmsjuridica.com\/buscador_20179478954\/corteconstitucionalcronologico202454587\/t-1080-04\/\" class=\"_self\" target=\"_self\" >T-1080-04<\/a><\/h4>\n<div class=\"pt-cv-content\">\u00a0 \u00a0 Sentencia T-1080\/04 \u00a0 DERECHO DE ASOCIACION-Vulneraci\u00f3n por obligaci\u00f3n de afiliaci\u00f3n a cooperativa de trabajo asociado\u00a0 \u00a0 EMPRESA SOCIAL DE SALUD-Decisi\u00f3n de afiliaci\u00f3n obligatoria a Cooperativa de trabajo asociado so pena de no renovaci\u00f3n de contrato de servicios a m\u00e9dicos contratistas \u00a0 DERECHO AL TRABAJO-Ejercicio de actividad profesional supeditada a afiliaci\u00f3n o creaci\u00f3n de una cooperativa\u00a0 \u00a0 ESTABLECIMIENTO HOSPITALARIO-Ejercicio de actividad profesional supeditada a afiliaci\u00f3n \u00a0 DERECHO DE ASOCIACION-Diferentes factores subjetivos que sirven como prueba para demostrar el constre\u00f1imiento\u00a0 \u00a0 Referencia: expediente T-942739 \u00a0 Acci\u00f3n de tutela instaurada por Jos\u00e9 Danerys Vargas Castro contra Heriberto Pimiento, Gerente del Hospital ...<br \/><div class=\"pt-cv-rmwrap\"><a href=\"https:\/\/www.dmsjuridica.com\/buscador_20179478954\/corteconstitucionalcronologico202454587\/t-1080-04\/\" class=\"_self pt-cv-readmore btn btn-success\" target=\"_self\">Ver Sentencia Completa...<\/a><\/div><\/div><\/div><\/div>\n<div class=\"col-md-12 col-sm-12 col-xs-12 pt-cv-content-item pt-cv-1-col\" ><div class='pt-cv-ifield'><a href=\"https:\/\/www.dmsjuridica.com\/buscador_20179478954\/corteconstitucionalcronologico202454587\/t-1079-04\/\" class=\"_self pt-cv-href-thumbnail pt-cv-thumb-default\" target=\"_self\" ><\/a>\n<div class=\"pt-cv-taxoterm above_title\"><a href='https:\/\/www.dmsjuridica.com\/buscador_20179478954\/corteconstitucionalcronologico202454587\/category\/buscar-en-toda-la-corte\/2004\/tutelas-2004\/' title='Tutelas 2004' class='pt-cv-tax-tutelas-2004'>Tutelas 2004<\/a><\/div>\n<h4 class=\"pt-cv-title\"><a href=\"https:\/\/www.dmsjuridica.com\/buscador_20179478954\/corteconstitucionalcronologico202454587\/t-1079-04\/\" class=\"_self\" target=\"_self\" >T-1079-04<\/a><\/h4>\n<div class=\"pt-cv-content\">\u00a0 \u00a0 Sentencia T-1079\/04 \u00a0 ACCION DE REINTEGRO DE TRABAJADOR CON FUERO SINDICAL-Procedimiento especial \u00a0 El C\u00f3digo Procesal del Trabajo contempla en los art\u00edculos 113 a 118B, modificados y adicionados por la Ley 712 de 2001, las reglas procedimentales referentes al proceso especial de fuero sindical, estableci\u00e9ndose que las acciones que emanan del mencionado fuero prescriben en dos (2) meses, t\u00e9rmino que para el trabajador se contar\u00e1 a partir de la fecha de despido, traslado o desmejora y para el empleador desde la fecha en que tuvo conocimiento del hecho que se invoca como justa causa o desde cuando se ...<br \/><div class=\"pt-cv-rmwrap\"><a href=\"https:\/\/www.dmsjuridica.com\/buscador_20179478954\/corteconstitucionalcronologico202454587\/t-1079-04\/\" class=\"_self pt-cv-readmore btn btn-success\" target=\"_self\">Ver Sentencia Completa...<\/a><\/div><\/div><\/div><\/div>\n<div class=\"col-md-12 col-sm-12 col-xs-12 pt-cv-content-item pt-cv-1-col\" ><div class='pt-cv-ifield'><a href=\"https:\/\/www.dmsjuridica.com\/buscador_20179478954\/corteconstitucionalcronologico202454587\/t-1078-04\/\" class=\"_self pt-cv-href-thumbnail pt-cv-thumb-default\" target=\"_self\" ><\/a>\n<div class=\"pt-cv-taxoterm above_title\"><a href='https:\/\/www.dmsjuridica.com\/buscador_20179478954\/corteconstitucionalcronologico202454587\/category\/buscar-en-toda-la-corte\/2004\/tutelas-2004\/' title='Tutelas 2004' class='pt-cv-tax-tutelas-2004'>Tutelas 2004<\/a><\/div>\n<h4 class=\"pt-cv-title\"><a href=\"https:\/\/www.dmsjuridica.com\/buscador_20179478954\/corteconstitucionalcronologico202454587\/t-1078-04\/\" class=\"_self\" target=\"_self\" >T-1078-04<\/a><\/h4>\n<div class=\"pt-cv-content\">\u00a0 \u00a0 Sentencia T-1078\/04 \u00a0 ACCION DE TUTELA PARA RELIQUIDACION DE PENSIONES-Procedencia excepcional por violaci\u00f3n del derecho a la igualdad de los funcionarios de la planta externa del Ministerio de Relaciones Exteriores \u00a0 FUNCIONARIOS EN EL EXTERIOR DE CARRERA DIPLOMATICA Y CONSULAR-Regulaci\u00f3n especial en materia pensional vulnera el derecho a la igualdad\/FUNCIONARIOS DE PLANTA EXTERNA DEL MINISTERIO DE RELACIONES EXTERIORES-Condiciones laborales especiales \u00a0 La Corte Constitucional se ha pronunciado en varias oportunidades en relaci\u00f3n con las normas que, como el art\u00edculo 57 del Decreto-Ley 10 de 1992 prev\u00e9n la liquidaci\u00f3n y el pago de las prestaciones sociales de los funcionarios ...<br \/><div class=\"pt-cv-rmwrap\"><a href=\"https:\/\/www.dmsjuridica.com\/buscador_20179478954\/corteconstitucionalcronologico202454587\/t-1078-04\/\" class=\"_self pt-cv-readmore btn btn-success\" target=\"_self\">Ver Sentencia Completa...<\/a><\/div><\/div><\/div><\/div>\n<div class=\"col-md-12 col-sm-12 col-xs-12 pt-cv-content-item pt-cv-1-col\" ><div class='pt-cv-ifield'><a href=\"https:\/\/www.dmsjuridica.com\/buscador_20179478954\/corteconstitucionalcronologico202454587\/t-1077-04\/\" class=\"_self pt-cv-href-thumbnail pt-cv-thumb-default\" target=\"_self\" ><\/a>\n<div class=\"pt-cv-taxoterm above_title\"><a href='https:\/\/www.dmsjuridica.com\/buscador_20179478954\/corteconstitucionalcronologico202454587\/category\/buscar-en-toda-la-corte\/2004\/tutelas-2004\/' title='Tutelas 2004' class='pt-cv-tax-tutelas-2004'>Tutelas 2004<\/a><\/div>\n<h4 class=\"pt-cv-title\"><a href=\"https:\/\/www.dmsjuridica.com\/buscador_20179478954\/corteconstitucionalcronologico202454587\/t-1077-04\/\" class=\"_self\" target=\"_self\" >T-1077-04<\/a><\/h4>\n<div class=\"pt-cv-content\">\u00a0 \u00a0 Sentencia T-1077\/04 \u00a0 CARRERA JUDICIAL-Ingreso y traslado \u00a0 CARRERA JUDICIAL-Traslado de funcionario o empleado \u00a0 TRASLADO DE EMPLEADO JUDICIAL-No es viable cuando se solicita para cargo superior\/TRASLADO DE EMPLEADO JUDICIAL-Debe darse entre cargos equivalentes \u00a0 Aunque resulta razonable permitir el traslado de un funcionario o empleado por razones de salud o de seguridad en lo que a \u00e9l o a su n\u00facleo familiar respecta o, incluso, por razones del servicio, dicha situaci\u00f3n, aunque no puede desmejorar las condiciones del servidor judicial, tampoco puede implicar una promoci\u00f3n en el servicio, pues se estar\u00eda proveyendo un cargo al interior de ...<br \/><div class=\"pt-cv-rmwrap\"><a href=\"https:\/\/www.dmsjuridica.com\/buscador_20179478954\/corteconstitucionalcronologico202454587\/t-1077-04\/\" class=\"_self pt-cv-readmore btn btn-success\" target=\"_self\">Ver Sentencia Completa...<\/a><\/div><\/div><\/div><\/div>\n<div class=\"col-md-12 col-sm-12 col-xs-12 pt-cv-content-item pt-cv-1-col\" ><div class='pt-cv-ifield'><a href=\"https:\/\/www.dmsjuridica.com\/buscador_20179478954\/corteconstitucionalcronologico202454587\/t-1076-04\/\" class=\"_self pt-cv-href-thumbnail pt-cv-thumb-default\" target=\"_self\" ><\/a>\n<div class=\"pt-cv-taxoterm above_title\"><a href='https:\/\/www.dmsjuridica.com\/buscador_20179478954\/corteconstitucionalcronologico202454587\/category\/buscar-en-toda-la-corte\/2004\/tutelas-2004\/' title='Tutelas 2004' class='pt-cv-tax-tutelas-2004'>Tutelas 2004<\/a><\/div>\n<h4 class=\"pt-cv-title\"><a href=\"https:\/\/www.dmsjuridica.com\/buscador_20179478954\/corteconstitucionalcronologico202454587\/t-1076-04\/\" class=\"_self\" target=\"_self\" >T-1076-04<\/a><\/h4>\n<div class=\"pt-cv-content\">\u00a0 \u00a0 Sentencia T-1076\/04 \u00a0 DERECHO A LA SALUD-Fundamental por conexidad \u00a0 DERECHO A LA SEGURIDAD SOCIAL-Servicios vitales y esenciales para el mantenimiento de una vida digna \u00a0 INAPLICACION DE NORMAS DEL PLAN OBLIGATORIO DE SALUD-Hip\u00f3tesis f\u00e1cticas que la determinan \u00a0 DERECHO A LA SALUD-Fundamental aut\u00f3nomo \u00a0 DERECHO A LA SALUD DE PERSONA DE LA TERCERA EDAD-Realizaci\u00f3n de diagn\u00f3stico y tratamiento aunque est\u00e9n excluidos del POS\/DERECHO A LA SALUD DE PERSONA DE LA TERCERA EDAD-Vulneraci\u00f3n por omisi\u00f3n del diagn\u00f3stico y del tratamiento \u00a0 La entidad demandada ha vulnerado el derecho fundamental a la salud del actor, al no brindar los ...<br \/><div class=\"pt-cv-rmwrap\"><a href=\"https:\/\/www.dmsjuridica.com\/buscador_20179478954\/corteconstitucionalcronologico202454587\/t-1076-04\/\" class=\"_self pt-cv-readmore btn btn-success\" target=\"_self\">Ver Sentencia Completa...<\/a><\/div><\/div><\/div><\/div>\n<div class=\"col-md-12 col-sm-12 col-xs-12 pt-cv-content-item pt-cv-1-col\" ><div class='pt-cv-ifield'><a href=\"https:\/\/www.dmsjuridica.com\/buscador_20179478954\/corteconstitucionalcronologico202454587\/t-1075-04\/\" class=\"_self pt-cv-href-thumbnail pt-cv-thumb-default\" target=\"_self\" ><\/a>\n<div class=\"pt-cv-taxoterm above_title\"><a href='https:\/\/www.dmsjuridica.com\/buscador_20179478954\/corteconstitucionalcronologico202454587\/category\/buscar-en-toda-la-corte\/2004\/tutelas-2004\/' title='Tutelas 2004' class='pt-cv-tax-tutelas-2004'>Tutelas 2004<\/a><\/div>\n<h4 class=\"pt-cv-title\"><a href=\"https:\/\/www.dmsjuridica.com\/buscador_20179478954\/corteconstitucionalcronologico202454587\/t-1075-04\/\" class=\"_self\" target=\"_self\" >T-1075-04<\/a><\/h4>\n<div class=\"pt-cv-content\">\u00a0 \u00a0 Sentencia T-1075\/04 \u00a0 DERECHO A LA SALUD-Fundamental por conexidad\/DERECHO A LA SEGURIDAD SOCIAL-Servicios vitales y esenciales para el mantenimiento de una vida digna \u00a0 INAPLICACION DE NORMAS DEL PLAN OBLIGATORIO DE SALUD-Hip\u00f3tesis f\u00e1cticas que la determinan \u00a0 REGIMEN SUBSIDIADO DE SEGURIDAD SOCIAL EN SALUD-Alcance \u00a0 SISBEN-Regulaci\u00f3n ineficiente para detectar a las personas pobres \u00a0 SISTEMA DE SEGURIDAD SOCIAL EN SALUD-El no pago de la cuota moderadora no puede ser una barrera de acceso a la salud de los m\u00e1s pobres \u00a0 Como ha sido manifestado con insistencia, las cuotas de recuperaci\u00f3n establecidas en el ordenamiento no pueden restringir ...<br \/><div class=\"pt-cv-rmwrap\"><a href=\"https:\/\/www.dmsjuridica.com\/buscador_20179478954\/corteconstitucionalcronologico202454587\/t-1075-04\/\" class=\"_self pt-cv-readmore btn btn-success\" target=\"_self\">Ver Sentencia Completa...<\/a><\/div><\/div><\/div><\/div>\n<div class=\"col-md-12 col-sm-12 col-xs-12 pt-cv-content-item pt-cv-1-col\" ><div class='pt-cv-ifield'><a href=\"https:\/\/www.dmsjuridica.com\/buscador_20179478954\/corteconstitucionalcronologico202454587\/t-1074-04\/\" class=\"_self pt-cv-href-thumbnail pt-cv-thumb-default\" target=\"_self\" ><\/a>\n<div class=\"pt-cv-taxoterm above_title\"><a href='https:\/\/www.dmsjuridica.com\/buscador_20179478954\/corteconstitucionalcronologico202454587\/category\/buscar-en-toda-la-corte\/2004\/tutelas-2004\/' title='Tutelas 2004' class='pt-cv-tax-tutelas-2004'>Tutelas 2004<\/a><\/div>\n<h4 class=\"pt-cv-title\"><a href=\"https:\/\/www.dmsjuridica.com\/buscador_20179478954\/corteconstitucionalcronologico202454587\/t-1074-04\/\" class=\"_self\" target=\"_self\" >T-1074-04<\/a><\/h4>\n<div class=\"pt-cv-content\">\u00a0 \u00a0 Sentencia T-1074\/04 \u00a0 DERECHOS DEL INTERNO-L\u00edmites razonables y proporcionales\/ESTABLECIMIENTO CARCELARIO-Discrecionalidad para restringir de forma razonable los derechos del interno \u00a0 DERECHO DE PETICION DEL INTERNO-No puede afectarse por tr\u00e1mites administrativos internos \u00a0 El derecho del recluso a obtener una pronta respuesta, no puede verse afectado por tr\u00e1mites administrativos internos del establecimiento penitenciario y carcelario en el cual se encuentra recluido el interno, pues podr\u00eda tornarse nugatorio su derecho fundamental de petici\u00f3n. As\u00ed mismo, es claro que en los eventos en que el recluso formule un derecho de petici\u00f3n dirigido a otro funcionario o entidad del sistema penitenciario o ...<br \/><div class=\"pt-cv-rmwrap\"><a href=\"https:\/\/www.dmsjuridica.com\/buscador_20179478954\/corteconstitucionalcronologico202454587\/t-1074-04\/\" class=\"_self pt-cv-readmore btn btn-success\" target=\"_self\">Ver Sentencia Completa...<\/a><\/div><\/div><\/div><\/div>\n<div class=\"col-md-12 col-sm-12 col-xs-12 pt-cv-content-item pt-cv-1-col\" ><div class='pt-cv-ifield'><a href=\"https:\/\/www.dmsjuridica.com\/buscador_20179478954\/corteconstitucionalcronologico202454587\/t-1073-04\/\" class=\"_self pt-cv-href-thumbnail pt-cv-thumb-default\" target=\"_self\" ><\/a>\n<div class=\"pt-cv-taxoterm above_title\"><a href='https:\/\/www.dmsjuridica.com\/buscador_20179478954\/corteconstitucionalcronologico202454587\/category\/buscar-en-toda-la-corte\/2004\/tutelas-2004\/' title='Tutelas 2004' class='pt-cv-tax-tutelas-2004'>Tutelas 2004<\/a><\/div>\n<h4 class=\"pt-cv-title\"><a href=\"https:\/\/www.dmsjuridica.com\/buscador_20179478954\/corteconstitucionalcronologico202454587\/t-1073-04\/\" class=\"_self\" target=\"_self\" >T-1073-04<\/a><\/h4>\n<div class=\"pt-cv-content\">\u00a0 \u00a0 Sentencia T-1073\/04 \u00a0 DERECHO A LA EDUCACION-Car\u00e1cter fundamental \u00a0 DERECHO A LA EDUCACION-Protecci\u00f3n frente a todos los \u00e1mbitos del sistema educativo\/EDUCACION NO FORMAL-Componente del sistema educativo \u00a0 La Corte indic\u00f3 que al Estado no s\u00f3lo le corresponde contribuir en la garant\u00eda de acceso al servicio p\u00fablico de educaci\u00f3n, sino que tambi\u00e9n tiene el deber de asegurar su cubrimiento y la permanencia de las personas que est\u00e1n en el sistema educativo. Lo anterior, por cuanto, tal y como fue precisado en esa decisi\u00f3n, el derecho a la educaci\u00f3n tiene un contenido esencial amplio y din\u00e1mico, que impregna todos los ...<br \/><div class=\"pt-cv-rmwrap\"><a href=\"https:\/\/www.dmsjuridica.com\/buscador_20179478954\/corteconstitucionalcronologico202454587\/t-1073-04\/\" class=\"_self pt-cv-readmore btn btn-success\" target=\"_self\">Ver Sentencia Completa...<\/a><\/div><\/div><\/div><\/div>\n<div class=\"col-md-12 col-sm-12 col-xs-12 pt-cv-content-item pt-cv-1-col\" ><div class='pt-cv-ifield'><a href=\"https:\/\/www.dmsjuridica.com\/buscador_20179478954\/corteconstitucionalcronologico202454587\/t-1072-04\/\" class=\"_self pt-cv-href-thumbnail pt-cv-thumb-default\" target=\"_self\" ><\/a>\n<div class=\"pt-cv-taxoterm above_title\"><a href='https:\/\/www.dmsjuridica.com\/buscador_20179478954\/corteconstitucionalcronologico202454587\/category\/buscar-en-toda-la-corte\/2004\/tutelas-2004\/' title='Tutelas 2004' class='pt-cv-tax-tutelas-2004'>Tutelas 2004<\/a><\/div>\n<h4 class=\"pt-cv-title\"><a href=\"https:\/\/www.dmsjuridica.com\/buscador_20179478954\/corteconstitucionalcronologico202454587\/t-1072-04\/\" class=\"_self\" target=\"_self\" >T-1072-04<\/a><\/h4>\n<div class=\"pt-cv-content\">\u00a0 \u00a0 Sentencia T-1072\/04 \u00a0 PRESUNCION DE VERACIDAD EN TUTELA \u00a0 DERECHO DE PETICION EN MATERIA PENSIONAL-T\u00e9rmino de quince d\u00edas\u00a0 \u00a0 DERECHO DE PETICION EN MATERIA PENSIONAL-T\u00e9rmino de cuatro y seis meses para resolver reconocimiento y pago\u00a0 \u00a0 Reiteraci\u00f3n de Jurisprudencia \u00a0 Referencia: expediente T-984943 \u00a0 Acci\u00f3n de tutela instaurada por Cecilia Mej\u00eda Gonz\u00e1lez contra Cajanal.\u00a0 \u00a0 Magistrado Ponente: \u00a0 Dr. HUMBERTO ANTONIO SIERRA PORTO \u00a0 Bogot\u00e1, D. C., veintiocho (28) de octubre de dos mil cuatro (2004). \u00a0 La Sala S\u00e9ptima de Revisi\u00f3n de la Corte Constitucional, en ejercicio de sus competencias constitucionales y legales, espec\u00edficamente las previstas en ...<br \/><div class=\"pt-cv-rmwrap\"><a href=\"https:\/\/www.dmsjuridica.com\/buscador_20179478954\/corteconstitucionalcronologico202454587\/t-1072-04\/\" class=\"_self pt-cv-readmore btn btn-success\" target=\"_self\">Ver Sentencia Completa...<\/a><\/div><\/div><\/div><\/div>\n<div class=\"col-md-12 col-sm-12 col-xs-12 pt-cv-content-item pt-cv-1-col\" ><div class='pt-cv-ifield'><a href=\"https:\/\/www.dmsjuridica.com\/buscador_20179478954\/corteconstitucionalcronologico202454587\/t-1071-04\/\" class=\"_self pt-cv-href-thumbnail pt-cv-thumb-default\" target=\"_self\" ><\/a>\n<div class=\"pt-cv-taxoterm above_title\"><a href='https:\/\/www.dmsjuridica.com\/buscador_20179478954\/corteconstitucionalcronologico202454587\/category\/buscar-en-toda-la-corte\/2004\/tutelas-2004\/' title='Tutelas 2004' class='pt-cv-tax-tutelas-2004'>Tutelas 2004<\/a><\/div>\n<h4 class=\"pt-cv-title\"><a href=\"https:\/\/www.dmsjuridica.com\/buscador_20179478954\/corteconstitucionalcronologico202454587\/t-1071-04\/\" class=\"_self\" target=\"_self\" >T-1071-04<\/a><\/h4>\n<div class=\"pt-cv-content\">\u00a0 \u00a0 Sentencia T-1071\/04 \u00a0 DERECHO A LA SALUD DEL ENFERMO DE SIDA-Fundamental por conexidad con la vida\/DERECHO A LA SALUD Y A LA VIDA DEL ENFERMO DE SIDA-Vulneraci\u00f3n por no suministro de medicamentos por EPS \u00a0 DERECHO A LA SALUD DEL ENFERMO DE SIDA-Realizaci\u00f3n de diagn\u00f3stico y tratamiento aunque est\u00e9n excluidos del POS \u00a0 INAPLICACION DE NORMAS DEL PLAN OBLIGATORIO DE SALUD-Hip\u00f3tesis f\u00e1cticas que la determinan \u00a0 DERECHO A LA SALUD DEL ENFERMO DE SIDA-Examen de carga viral y CD4 \u00a0 Reiteraci\u00f3n de Jurisprudencia \u00a0 Referencia: expediente T-982448 \u00a0 Acci\u00f3n de tutela instaurada por XXX contra la Cl\u00ednica Andes ...<br \/><div class=\"pt-cv-rmwrap\"><a href=\"https:\/\/www.dmsjuridica.com\/buscador_20179478954\/corteconstitucionalcronologico202454587\/t-1071-04\/\" class=\"_self pt-cv-readmore btn btn-success\" target=\"_self\">Ver Sentencia Completa...<\/a><\/div><\/div><\/div><\/div>\n<div class=\"col-md-12 col-sm-12 col-xs-12 pt-cv-content-item pt-cv-1-col\" ><div class='pt-cv-ifield'><a href=\"https:\/\/www.dmsjuridica.com\/buscador_20179478954\/corteconstitucionalcronologico202454587\/t-1070-04\/\" class=\"_self pt-cv-href-thumbnail pt-cv-thumb-default\" target=\"_self\" ><\/a>\n<div class=\"pt-cv-taxoterm above_title\"><a href='https:\/\/www.dmsjuridica.com\/buscador_20179478954\/corteconstitucionalcronologico202454587\/category\/buscar-en-toda-la-corte\/2004\/tutelas-2004\/' title='Tutelas 2004' class='pt-cv-tax-tutelas-2004'>Tutelas 2004<\/a><\/div>\n<h4 class=\"pt-cv-title\"><a href=\"https:\/\/www.dmsjuridica.com\/buscador_20179478954\/corteconstitucionalcronologico202454587\/t-1070-04\/\" class=\"_self\" target=\"_self\" >T-1070-04<\/a><\/h4>\n<div class=\"pt-cv-content\">\u00a0 \u00a0 Sentencia T-1070\/04 \u00a0 REGIMEN SUBSIDIADO DE SALUD-Copagos exigidos por ley no se cobran si desconocen derechos fundamentales \u00a0 A los beneficiarios del R\u00e9gimen Subsidiado en Salud se les exige una contribuci\u00f3n en dinero como contraprestaci\u00f3n por la atenci\u00f3n en salud recibida, denominada cuota de recuperaci\u00f3n o copago, que se establece de acuerdo con el nivel del Sisben en el que se clasifique el beneficiario. De esta manera, los clasificados en el nivel dos (2) del Sisben que forman parte de la poblaci\u00f3n vinculada al r\u00e9gimen de salud, deben pagar una cuota de recuperaci\u00f3n equivalente al 10% de los ...<br \/><div class=\"pt-cv-rmwrap\"><a href=\"https:\/\/www.dmsjuridica.com\/buscador_20179478954\/corteconstitucionalcronologico202454587\/t-1070-04\/\" class=\"_self pt-cv-readmore btn btn-success\" target=\"_self\">Ver Sentencia Completa...<\/a><\/div><\/div><\/div><\/div>\n<div class=\"col-md-12 col-sm-12 col-xs-12 pt-cv-content-item pt-cv-1-col\" ><div class='pt-cv-ifield'><a href=\"https:\/\/www.dmsjuridica.com\/buscador_20179478954\/corteconstitucionalcronologico202454587\/t-1069-04\/\" class=\"_self pt-cv-href-thumbnail pt-cv-thumb-default\" target=\"_self\" ><\/a>\n<div class=\"pt-cv-taxoterm above_title\"><a href='https:\/\/www.dmsjuridica.com\/buscador_20179478954\/corteconstitucionalcronologico202454587\/category\/buscar-en-toda-la-corte\/2004\/tutelas-2004\/' title='Tutelas 2004' class='pt-cv-tax-tutelas-2004'>Tutelas 2004<\/a><\/div>\n<h4 class=\"pt-cv-title\"><a href=\"https:\/\/www.dmsjuridica.com\/buscador_20179478954\/corteconstitucionalcronologico202454587\/t-1069-04\/\" class=\"_self\" target=\"_self\" >T-1069-04<\/a><\/h4>\n<div class=\"pt-cv-content\">\u00a0 \u00a0 Sentencia T-1069\/04 \u00a0 DERECHO A LA SALUD-Fundamental por conexidad con la vida digna \u00a0 REGIMEN SUBSIDIADO DE SALUD-Finalidad \u00a0 ADMINISTRADORA DEL REGIMEN SUBSIDIADO-Obligaciones frente a servicios no incluidos en el POS \u00a0 REGIMEN SUBSIDIADO DE SALUD-Beneficiarios deben ser atendidos cuando requieran servicios no incluidos en el POS \u00a0 ADMINISTRADORA DEL REGIMEN SUBSIDIADO-Prestaci\u00f3n del servicio de salud excluido del POS\/ADMINISTRADORA DEL REGIMEN SUBSIDIADO-Transplante de h\u00edgado a persona de escasos recursos \u00a0 Reiteraci\u00f3n de Jurisprudencia \u00a0 Referencia: expediente T-973744 \u00a0 Acci\u00f3n de tutela instaurada por Bernardo Alzate Cata\u00f1o contra la Direcci\u00f3n Seccional de Salud de Antioquia y Coomeva E.P.S. \u00a0 ...<br \/><div class=\"pt-cv-rmwrap\"><a href=\"https:\/\/www.dmsjuridica.com\/buscador_20179478954\/corteconstitucionalcronologico202454587\/t-1069-04\/\" class=\"_self pt-cv-readmore btn btn-success\" target=\"_self\">Ver Sentencia Completa...<\/a><\/div><\/div><\/div><\/div>\n<div class=\"col-md-12 col-sm-12 col-xs-12 pt-cv-content-item pt-cv-1-col\" ><div class='pt-cv-ifield'><a href=\"https:\/\/www.dmsjuridica.com\/buscador_20179478954\/corteconstitucionalcronologico202454587\/t-1068-04\/\" class=\"_self pt-cv-href-thumbnail pt-cv-thumb-default\" target=\"_self\" ><\/a>\n<div class=\"pt-cv-taxoterm above_title\"><a href='https:\/\/www.dmsjuridica.com\/buscador_20179478954\/corteconstitucionalcronologico202454587\/category\/buscar-en-toda-la-corte\/2004\/tutelas-2004\/' title='Tutelas 2004' class='pt-cv-tax-tutelas-2004'>Tutelas 2004<\/a><\/div>\n<h4 class=\"pt-cv-title\"><a href=\"https:\/\/www.dmsjuridica.com\/buscador_20179478954\/corteconstitucionalcronologico202454587\/t-1068-04\/\" class=\"_self\" target=\"_self\" >T-1068-04<\/a><\/h4>\n<div class=\"pt-cv-content\">\u00a0 \u00a0 Sentencia T-1068\/04 \u00a0 DEBIDO PROCESO-Vulneraci\u00f3n por dilaci\u00f3n injustificada en proceso \u00a0 DEBIDO PROCESO-Jurisprudencia sobre dilaci\u00f3n injustificada \u00a0 ACCION DE TUTELA-Sustracci\u00f3n de materia \u00a0 Reiteraci\u00f3n de Jurisprudencia \u00a0 Referencia: expediente T-947808 \u00a0 Acci\u00f3n de tutela instaurada por Alberto Caama\u00f1o Mart\u00ednez contra el Juzgado Laboral del Circuito de Chiriguan\u00e1 (Cesar). \u00a0 Magistrado Ponente: \u00a0 Dr. HUMBERTO ANTONIO SIERRA PORTO \u00a0 Bogot\u00e1, D. C., veintiocho (28) de octubre de dos mil cuatro (2004) \u00a0 La Sala S\u00e9ptima de Revisi\u00f3n de la Corte Constitucional, en ejercicio de sus competencias constitucionales y legales, espec\u00edficamente las previstas en los art\u00edculos 86 y 241, numeral ...<br \/><div class=\"pt-cv-rmwrap\"><a href=\"https:\/\/www.dmsjuridica.com\/buscador_20179478954\/corteconstitucionalcronologico202454587\/t-1068-04\/\" class=\"_self pt-cv-readmore btn btn-success\" target=\"_self\">Ver Sentencia Completa...<\/a><\/div><\/div><\/div><\/div>\n<div class=\"col-md-12 col-sm-12 col-xs-12 pt-cv-content-item pt-cv-1-col\" ><div class='pt-cv-ifield'><a href=\"https:\/\/www.dmsjuridica.com\/buscador_20179478954\/corteconstitucionalcronologico202454587\/t-1067-04\/\" class=\"_self pt-cv-href-thumbnail pt-cv-thumb-default\" target=\"_self\" ><\/a>\n<div class=\"pt-cv-taxoterm above_title\"><a href='https:\/\/www.dmsjuridica.com\/buscador_20179478954\/corteconstitucionalcronologico202454587\/category\/buscar-en-toda-la-corte\/2004\/tutelas-2004\/' title='Tutelas 2004' class='pt-cv-tax-tutelas-2004'>Tutelas 2004<\/a><\/div>\n<h4 class=\"pt-cv-title\"><a href=\"https:\/\/www.dmsjuridica.com\/buscador_20179478954\/corteconstitucionalcronologico202454587\/t-1067-04\/\" class=\"_self\" target=\"_self\" >T-1067-04<\/a><\/h4>\n<div class=\"pt-cv-content\">\u00a0 \u00a0 Sentencia T-1067\/04 \u00a0 DEBIDO PROCESO ADMINISTRATIVO-Vulneraci\u00f3n por suspensi\u00f3n unilateral de la pensi\u00f3n de vejez \u00a0 De acuerdo con la jurisprudencia de la Corte Constitucional, la suspensi\u00f3n por parte del ente demandado del derecho a recibir las mesadas por concepto de pensi\u00f3n de vejez, constituye una revocaci\u00f3n directa del acto de car\u00e1cter particular que concedi\u00f3 dicha prestaci\u00f3n, pues tal interrupci\u00f3n representa un hecho administrativo que produce efectos jur\u00eddicos. El C\u00f3digo Contencioso Administrativo establece en su art\u00edculo 73 que la revocatoria directa de los actos administrativos de car\u00e1cter particular y concreto, que reconozcan un derecho, debe hacerse con el consentimiento ...<br \/><div class=\"pt-cv-rmwrap\"><a href=\"https:\/\/www.dmsjuridica.com\/buscador_20179478954\/corteconstitucionalcronologico202454587\/t-1067-04\/\" class=\"_self pt-cv-readmore btn btn-success\" target=\"_self\">Ver Sentencia Completa...<\/a><\/div><\/div><\/div><\/div>\n<div class=\"col-md-12 col-sm-12 col-xs-12 pt-cv-content-item pt-cv-1-col\" ><div class='pt-cv-ifield'><a href=\"https:\/\/www.dmsjuridica.com\/buscador_20179478954\/corteconstitucionalcronologico202454587\/t-1066-04\/\" class=\"_self pt-cv-href-thumbnail pt-cv-thumb-default\" target=\"_self\" ><\/a>\n<div class=\"pt-cv-taxoterm above_title\"><a href='https:\/\/www.dmsjuridica.com\/buscador_20179478954\/corteconstitucionalcronologico202454587\/category\/buscar-en-toda-la-corte\/2004\/tutelas-2004\/' title='Tutelas 2004' class='pt-cv-tax-tutelas-2004'>Tutelas 2004<\/a><\/div>\n<h4 class=\"pt-cv-title\"><a href=\"https:\/\/www.dmsjuridica.com\/buscador_20179478954\/corteconstitucionalcronologico202454587\/t-1066-04\/\" class=\"_self\" target=\"_self\" >T-1066-04<\/a><\/h4>\n<div class=\"pt-cv-content\">DERECHO A LA SALUD-Fundamental por conexidad con la vida digna \u00a0 ENTIDAD PROMOTORA DE SALUD-Eventos en los que debe darse cubrimiento de prestaciones excluidas del POS \u00a0 Ha concluido la Corte que en el proceso de inaplicar la normatividad que regula las exclusiones y limitaciones del Plan Obligatorio de Salud, el juez constitucional debe verificar: 1. Que la falta del medicamento, el procedimiento o la prueba diagn\u00f3stica excluida por la norma legal o reglamentaria, amenace los derechos fundamentales de la vida o la integridad personal del interesado. 2. Que se trate de un medicamento o tratamiento que no pueda ser ...<br \/><div class=\"pt-cv-rmwrap\"><a href=\"https:\/\/www.dmsjuridica.com\/buscador_20179478954\/corteconstitucionalcronologico202454587\/t-1066-04\/\" class=\"_self pt-cv-readmore btn btn-success\" target=\"_self\">Ver Sentencia Completa...<\/a><\/div><\/div><\/div><\/div>\n<div class=\"col-md-12 col-sm-12 col-xs-12 pt-cv-content-item pt-cv-1-col\" ><div class='pt-cv-ifield'><a href=\"https:\/\/www.dmsjuridica.com\/buscador_20179478954\/corteconstitucionalcronologico202454587\/t-1065-04\/\" class=\"_self pt-cv-href-thumbnail pt-cv-thumb-default\" target=\"_self\" ><\/a>\n<div class=\"pt-cv-taxoterm above_title\"><a href='https:\/\/www.dmsjuridica.com\/buscador_20179478954\/corteconstitucionalcronologico202454587\/category\/buscar-en-toda-la-corte\/2004\/tutelas-2004\/' title='Tutelas 2004' class='pt-cv-tax-tutelas-2004'>Tutelas 2004<\/a><\/div>\n<h4 class=\"pt-cv-title\"><a href=\"https:\/\/www.dmsjuridica.com\/buscador_20179478954\/corteconstitucionalcronologico202454587\/t-1065-04\/\" class=\"_self\" target=\"_self\" >T-1065-04<\/a><\/h4>\n<div class=\"pt-cv-content\">\u00a0 \u00a0 Sentencia T-1065\/04 \u00a0 ACCION DE TUTELA CONTRA PROVIDENCIAS JUDICIALES-Alcance \u00a0 ACCION DE TUTELA CONTRA PROVIDENCIAS JUDICIALES-Car\u00e1cter excepcional \u00a0 ACCION DE TUTELA CONTRA PROVIDENCIAS JUDICIALES-Improcedencia por dejar de sustentar el recurso de apelaci\u00f3n \u00a0 Referencia: expediente T-917354 \u00a0 Acci\u00f3n de tutela instaurada por SERVIMOL LTDA. y Otros contra LA NACI\u00d3N -RAMA JUDICIAL-, Direcci\u00f3n Ejecutiva de Administraci\u00f3n Judicial, y JUZGADO PRIMERO LABORAL DEL CIRCUITO DE PASTO. \u00a0 Magistrado Ponente: \u00a0 Bogot\u00e1, D. C., veintiocho (28) de octubre dos mil cuatro (2004).\u00a0 \u00a0 La Sala S\u00e9ptima de Revisi\u00f3n de la Corte Constitucional, integrada por los Magistrados Humberto Sierra Porto, \u00c1lvaro Tafur ...<br \/><div class=\"pt-cv-rmwrap\"><a href=\"https:\/\/www.dmsjuridica.com\/buscador_20179478954\/corteconstitucionalcronologico202454587\/t-1065-04\/\" class=\"_self pt-cv-readmore btn btn-success\" target=\"_self\">Ver Sentencia Completa...<\/a><\/div><\/div><\/div><\/div>\n<div class=\"col-md-12 col-sm-12 col-xs-12 pt-cv-content-item pt-cv-1-col\" ><div class='pt-cv-ifield'><a href=\"https:\/\/www.dmsjuridica.com\/buscador_20179478954\/corteconstitucionalcronologico202454587\/t-1064-04\/\" class=\"_self pt-cv-href-thumbnail pt-cv-thumb-default\" target=\"_self\" ><\/a>\n<div class=\"pt-cv-taxoterm above_title\"><a href='https:\/\/www.dmsjuridica.com\/buscador_20179478954\/corteconstitucionalcronologico202454587\/category\/buscar-en-toda-la-corte\/2004\/tutelas-2004\/' title='Tutelas 2004' class='pt-cv-tax-tutelas-2004'>Tutelas 2004<\/a><\/div>\n<h4 class=\"pt-cv-title\"><a href=\"https:\/\/www.dmsjuridica.com\/buscador_20179478954\/corteconstitucionalcronologico202454587\/t-1064-04\/\" class=\"_self\" target=\"_self\" >T-1064-04<\/a><\/h4>\n<div class=\"pt-cv-content\">\u00a0 \u00a0 Sentencia T-1064\/04 \u00a0 DERECHO A LA SALUD-Fundamental por conexidad con la vida digna \u00a0 DERECHO A LA INTEGRIDAD PERSONAL Y DERECHO A LA VIDA DIGNA-Vulneraci\u00f3n por ISS al omitir programar una cirug\u00eda para extraer un objeto extra\u00f1o\/INSTITUTO DE SEGUROS SOCIALES-Incumplimiento de los deberes b\u00e1sicos como EPS con sus usuarios \u00a0 La omisi\u00f3n en la que ha incurrido la entidad demandada, consistente en no haber adoptado todas las medidas necesarias para programar la extracci\u00f3n del objeto extra\u00f1o que est\u00e1 lesionando la integridad del demandante y que fue olvidado luego de una intervenci\u00f3n quir\u00fargica realizada por m\u00e9dicos vinculados al mismo ...<br \/><div class=\"pt-cv-rmwrap\"><a href=\"https:\/\/www.dmsjuridica.com\/buscador_20179478954\/corteconstitucionalcronologico202454587\/t-1064-04\/\" class=\"_self pt-cv-readmore btn btn-success\" target=\"_self\">Ver Sentencia Completa...<\/a><\/div><\/div><\/div><\/div>\n<div class=\"col-md-12 col-sm-12 col-xs-12 pt-cv-content-item pt-cv-1-col\" ><div class='pt-cv-ifield'><a href=\"https:\/\/www.dmsjuridica.com\/buscador_20179478954\/corteconstitucionalcronologico202454587\/t-1063-04\/\" class=\"_self pt-cv-href-thumbnail pt-cv-thumb-default\" target=\"_self\" ><\/a>\n<div class=\"pt-cv-taxoterm above_title\"><a href='https:\/\/www.dmsjuridica.com\/buscador_20179478954\/corteconstitucionalcronologico202454587\/category\/buscar-en-toda-la-corte\/2004\/tutelas-2004\/' title='Tutelas 2004' class='pt-cv-tax-tutelas-2004'>Tutelas 2004<\/a><\/div>\n<h4 class=\"pt-cv-title\"><a href=\"https:\/\/www.dmsjuridica.com\/buscador_20179478954\/corteconstitucionalcronologico202454587\/t-1063-04\/\" class=\"_self\" target=\"_self\" >T-1063-04<\/a><\/h4>\n<div class=\"pt-cv-content\">\u00a0 \u00a0 Sentencia T-1063\/04 \u00a0 DERECHO A LA SALUD-Fundamental por conexidad con la vida \u00a0 ACCION DE TUTELA-Requisitos de procedencia para proteger derecho a la salud\u00a0 \u00a0 ENTIDAD PROMOTORA DE SALUD-Autorizaci\u00f3n de intervenciones quir\u00fargicas, suministro de medicamentos y otras prestaciones excluidas del POS \u00a0 INSTITUTO DE SEGUROS SOCIALES-Suministro de medicamento a paciente con c\u00e1ncer y repetici\u00f3n contra el Fosyga \u00a0 Referencia: expediente T-983224 \u00a0 Acci\u00f3n de tutela instaurada por Pedro Rosero Alvear en contra del Instituto del Seguro Social \u2013 Seccional Cauca. \u00a0 Magistrado Ponente: \u00a0 Dr. MANUEL JOSE CEPEDA ESPINOSA \u00a0 Bogot\u00e1, D. C., veintiocho (28) de octubre de ...<br \/><div class=\"pt-cv-rmwrap\"><a href=\"https:\/\/www.dmsjuridica.com\/buscador_20179478954\/corteconstitucionalcronologico202454587\/t-1063-04\/\" class=\"_self pt-cv-readmore btn btn-success\" target=\"_self\">Ver Sentencia Completa...<\/a><\/div><\/div><\/div><\/div>\n<div class=\"col-md-12 col-sm-12 col-xs-12 pt-cv-content-item pt-cv-1-col\" ><div class='pt-cv-ifield'><a href=\"https:\/\/www.dmsjuridica.com\/buscador_20179478954\/corteconstitucionalcronologico202454587\/t-1062-04\/\" class=\"_self pt-cv-href-thumbnail pt-cv-thumb-default\" target=\"_self\" ><\/a>\n<div class=\"pt-cv-taxoterm above_title\"><a href='https:\/\/www.dmsjuridica.com\/buscador_20179478954\/corteconstitucionalcronologico202454587\/category\/buscar-en-toda-la-corte\/2004\/tutelas-2004\/' title='Tutelas 2004' class='pt-cv-tax-tutelas-2004'>Tutelas 2004<\/a><\/div>\n<h4 class=\"pt-cv-title\"><a href=\"https:\/\/www.dmsjuridica.com\/buscador_20179478954\/corteconstitucionalcronologico202454587\/t-1062-04\/\" class=\"_self\" target=\"_self\" >T-1062-04<\/a><\/h4>\n<div class=\"pt-cv-content\">\u00a0 \u00a0 Sentencia T-1062\/04 \u00a0 ACCION DE TUTELA TRANSITORIA DE MUJER EMBARAZADA-Mecanismo para proteger el derecho fundamental a su estabilidad laboral \u00a0 DESPIDO DE MUJER EMBARAZADA-Limitado al cumplimiento de determinados requisitos legales \u00a0 DERECHO A LA ESTABILIDAD LABORAL REFORZADA DE MUJER EMBARAZADA-Hechos que prueban que el embarazo fue informado al empleador \u00a0 En los casos en los que la trabajadora no le inform\u00f3 a su empleador sobre su estado de embarazo a trav\u00e9s de una comunicaci\u00f3n escrita, la jurisprudencia constitucional ha considerado los siguientes hechos como prueba de que el empleador s\u00ed ten\u00eda conocimiento del embarazo de su trabajadora: cuando ...<br \/><div class=\"pt-cv-rmwrap\"><a href=\"https:\/\/www.dmsjuridica.com\/buscador_20179478954\/corteconstitucionalcronologico202454587\/t-1062-04\/\" class=\"_self pt-cv-readmore btn btn-success\" target=\"_self\">Ver Sentencia Completa...<\/a><\/div><\/div><\/div><\/div>\n<div class=\"col-md-12 col-sm-12 col-xs-12 pt-cv-content-item pt-cv-1-col\" ><div class='pt-cv-ifield'><a href=\"https:\/\/www.dmsjuridica.com\/buscador_20179478954\/corteconstitucionalcronologico202454587\/t-1061-04\/\" class=\"_self pt-cv-href-thumbnail pt-cv-thumb-default\" target=\"_self\" ><\/a>\n<div class=\"pt-cv-taxoterm above_title\"><a href='https:\/\/www.dmsjuridica.com\/buscador_20179478954\/corteconstitucionalcronologico202454587\/category\/buscar-en-toda-la-corte\/2004\/tutelas-2004\/' title='Tutelas 2004' class='pt-cv-tax-tutelas-2004'>Tutelas 2004<\/a><\/div>\n<h4 class=\"pt-cv-title\"><a href=\"https:\/\/www.dmsjuridica.com\/buscador_20179478954\/corteconstitucionalcronologico202454587\/t-1061-04\/\" class=\"_self\" target=\"_self\" >T-1061-04<\/a><\/h4>\n<div class=\"pt-cv-content\">\u00a0 \u00a0 Sentencia T-1061\/04 \u00a0 LEGITIMACION POR ACTIVA EN TUTELA-Defensora de familia en representaci\u00f3n de menor \u00a0 Es importante se\u00f1alar que el tema de la legitimidad para presentar una acci\u00f3n de tutela en favor de personas menores de 18 a\u00f1os de edad debe ser interpretado de manera m\u00e1s flexible con el fin de permitir la protecci\u00f3n de los ni\u00f1os, los cuales forman parte de los sectores m\u00e1s vulnerables de la poblaci\u00f3n y, normalmente, no cuentan con posibilidades para solicitar su amparo. Es por eso que el inciso segundo del art\u00edculo 44 de la Constituci\u00f3n expresa: \u201cLa familia, la sociedad y ...<br \/><div class=\"pt-cv-rmwrap\"><a href=\"https:\/\/www.dmsjuridica.com\/buscador_20179478954\/corteconstitucionalcronologico202454587\/t-1061-04\/\" class=\"_self pt-cv-readmore btn btn-success\" target=\"_self\">Ver Sentencia Completa...<\/a><\/div><\/div><\/div><\/div>\n<div class=\"col-md-12 col-sm-12 col-xs-12 pt-cv-content-item pt-cv-1-col\" ><div class='pt-cv-ifield'><a href=\"https:\/\/www.dmsjuridica.com\/buscador_20179478954\/corteconstitucionalcronologico202454587\/t-1060-04\/\" class=\"_self pt-cv-href-thumbnail pt-cv-thumb-default\" target=\"_self\" ><\/a>\n<div class=\"pt-cv-taxoterm above_title\"><a href='https:\/\/www.dmsjuridica.com\/buscador_20179478954\/corteconstitucionalcronologico202454587\/category\/buscar-en-toda-la-corte\/2004\/tutelas-2004\/' title='Tutelas 2004' class='pt-cv-tax-tutelas-2004'>Tutelas 2004<\/a><\/div>\n<h4 class=\"pt-cv-title\"><a href=\"https:\/\/www.dmsjuridica.com\/buscador_20179478954\/corteconstitucionalcronologico202454587\/t-1060-04\/\" class=\"_self\" target=\"_self\" >T-1060-04<\/a><\/h4>\n<div class=\"pt-cv-content\">\u00a0 \u00a0 Sentencia T-1060\/04 \u00a0 ACCION DE TUTELA-Improcedencia por no vulnerar ning\u00fan derecho fundamental \u00a0 DERECHO A LA SALUD-No tiene la categor\u00eda de fundamental por conexidad en este caso \u00a0 Referencia: expediente T-942299 \u00a0 Acci\u00f3n de tutela instaurada por Orlando Quiroz Palechor en contra del Director General del INPEC y el Ministro de la Protecci\u00f3n Social. \u00a0 Magistrado Ponente: \u00a0 Dr. MANUEL JOSE CEPEDA ESPINOSA \u00a0 Bogot\u00e1, D. C., veintiocho (28) de octubre de dos mil cuatro (2004). \u00a0 La Sala Tercera de Revisi\u00f3n de la Corte Constitucional, integrada por los magistrados Manuel Jos\u00e9 Cepeda Espinosa, Jaime C\u00f3rdoba Trivi\u00f1o y ...<br \/><div class=\"pt-cv-rmwrap\"><a href=\"https:\/\/www.dmsjuridica.com\/buscador_20179478954\/corteconstitucionalcronologico202454587\/t-1060-04\/\" class=\"_self pt-cv-readmore btn btn-success\" target=\"_self\">Ver Sentencia Completa...<\/a><\/div><\/div><\/div><\/div>\n<div class=\"col-md-12 col-sm-12 col-xs-12 pt-cv-content-item pt-cv-1-col\" ><div class='pt-cv-ifield'><a href=\"https:\/\/www.dmsjuridica.com\/buscador_20179478954\/corteconstitucionalcronologico202454587\/t-1059-04\/\" class=\"_self pt-cv-href-thumbnail pt-cv-thumb-default\" target=\"_self\" ><\/a>\n<div class=\"pt-cv-taxoterm above_title\"><a href='https:\/\/www.dmsjuridica.com\/buscador_20179478954\/corteconstitucionalcronologico202454587\/category\/buscar-en-toda-la-corte\/2004\/tutelas-2004\/' title='Tutelas 2004' class='pt-cv-tax-tutelas-2004'>Tutelas 2004<\/a><\/div>\n<h4 class=\"pt-cv-title\"><a href=\"https:\/\/www.dmsjuridica.com\/buscador_20179478954\/corteconstitucionalcronologico202454587\/t-1059-04\/\" class=\"_self\" target=\"_self\" >T-1059-04<\/a><\/h4>\n<div class=\"pt-cv-content\">\u00a0 \u00a0 Sentencia T-1059\/04 \u00a0 ACCION DE TUTELA CONTRA ENTIDAD PROMOTORA DE SALUD-Procedencia excepcional para el pago de incapacidad laboral \u00a0 Esta Corporaci\u00f3n ha reconocido, en reiterada jurisprudencia, que corresponde a la jurisdicci\u00f3n ordinaria, mediante el ejercicio de la acci\u00f3n ordinaria laboral respectiva, la competencia para ventilar asuntos relativos a la reclamaci\u00f3n de acreencias de orden laboral, tal como se encuentra contemplado en el C\u00f3digo Procesal del Trabajo. Sin embargo, excepcionalmente, cuando la falta de pago de las acreencias laborales, vulnere o amenace los derechos fundamentales a la vida digna, al m\u00ednimo vital y a la subsistencia, la tutela procede ...<br \/><div class=\"pt-cv-rmwrap\"><a href=\"https:\/\/www.dmsjuridica.com\/buscador_20179478954\/corteconstitucionalcronologico202454587\/t-1059-04\/\" class=\"_self pt-cv-readmore btn btn-success\" target=\"_self\">Ver Sentencia Completa...<\/a><\/div><\/div><\/div><\/div>\n<div class=\"col-md-12 col-sm-12 col-xs-12 pt-cv-content-item pt-cv-1-col\" ><div class='pt-cv-ifield'><a href=\"https:\/\/www.dmsjuridica.com\/buscador_20179478954\/corteconstitucionalcronologico202454587\/t-1058-04\/\" class=\"_self pt-cv-href-thumbnail pt-cv-thumb-default\" target=\"_self\" ><\/a>\n<div class=\"pt-cv-taxoterm above_title\"><a href='https:\/\/www.dmsjuridica.com\/buscador_20179478954\/corteconstitucionalcronologico202454587\/category\/buscar-en-toda-la-corte\/2004\/tutelas-2004\/' title='Tutelas 2004' class='pt-cv-tax-tutelas-2004'>Tutelas 2004<\/a><\/div>\n<h4 class=\"pt-cv-title\"><a href=\"https:\/\/www.dmsjuridica.com\/buscador_20179478954\/corteconstitucionalcronologico202454587\/t-1058-04\/\" class=\"_self\" target=\"_self\" >T-1058-04<\/a><\/h4>\n<div class=\"pt-cv-content\">\u00a0 \u00a0 Sentencia T-1058\/04 \u00a0 ACCION DE TUTELA CONTRA ENTIDAD PRIVADA-Vulneraci\u00f3n al derecho fundamental de la informaci\u00f3n \u00a0 JUEZ DE TUTELA-Limitaci\u00f3n de su intervenci\u00f3n frente a lo que es posible resolver a trav\u00e9s del derecho de petici\u00f3n \u00a0 ACCION DE TUTELA CONTRA FONDO DE PENSIONES-Improcedencia cuando se pretenda el reconocimiento de derechos pensionales \u00a0 DERECHO DE PETICION-Caracter\u00edsticas esenciales \u00a0 DERECHO DE PETICION-Falta de competencia de la entidad ante quien se solicita la informaci\u00f3n no la exonera de contestar \u00a0 ACCION DE TUTELA CONTRA ENTIDAD PUBLICA-Deber de notificar su respuesta al interesado \u00a0 DERECHO DE PETICION EN MATERIA PENSIONAL-T\u00e9rmino de quince ...<br \/><div class=\"pt-cv-rmwrap\"><a href=\"https:\/\/www.dmsjuridica.com\/buscador_20179478954\/corteconstitucionalcronologico202454587\/t-1058-04\/\" class=\"_self pt-cv-readmore btn btn-success\" target=\"_self\">Ver Sentencia Completa...<\/a><\/div><\/div><\/div><\/div>\n<div class=\"col-md-12 col-sm-12 col-xs-12 pt-cv-content-item pt-cv-1-col\" ><div class='pt-cv-ifield'><a href=\"https:\/\/www.dmsjuridica.com\/buscador_20179478954\/corteconstitucionalcronologico202454587\/t-1057-04\/\" class=\"_self pt-cv-href-thumbnail pt-cv-thumb-default\" target=\"_self\" ><\/a>\n<div class=\"pt-cv-taxoterm above_title\"><a href='https:\/\/www.dmsjuridica.com\/buscador_20179478954\/corteconstitucionalcronologico202454587\/category\/buscar-en-toda-la-corte\/2004\/tutelas-2004\/' title='Tutelas 2004' class='pt-cv-tax-tutelas-2004'>Tutelas 2004<\/a><\/div>\n<h4 class=\"pt-cv-title\"><a href=\"https:\/\/www.dmsjuridica.com\/buscador_20179478954\/corteconstitucionalcronologico202454587\/t-1057-04\/\" class=\"_self\" target=\"_self\" >T-1057-04<\/a><\/h4>\n<div class=\"pt-cv-content\">\u00a0 \u00a0 Sentencia T-1057\/04 \u00a0 ACCION DE TUTELA-Improcedencia por existir otro mecanismo de defensa judicial y por carecer de inmediatez \u00a0 ENTIDAD PROMOTORA DE SALUD-Deber de proteger el derecho de salud de sus afiliados \u00a0 Referencia: expediente T-954191 \u00a0 Acci\u00f3n de tutela instaurada por Ricardo Sandoval Tinjac\u00e1 contra el Ministerio de Defensa Nacional. \u00a0 Magistrado Ponente:\u00a0 \u00a0 Dr. ALFREDO BELTR\u00c1N SIERRA. \u00a0 Bogot\u00e1, D. C., veintiocho (28) de octubre de dos mil cuatro (2004). \u00a0 La Sala Segunda de Revisi\u00f3n de la Corte Constitucional, en ejercicio de sus competencias constitucionales y legales, ha proferido la siguiente\u00a0 \u00a0 SENTENCIA\u00a0 \u00a0 en ...<br \/><div class=\"pt-cv-rmwrap\"><a href=\"https:\/\/www.dmsjuridica.com\/buscador_20179478954\/corteconstitucionalcronologico202454587\/t-1057-04\/\" class=\"_self pt-cv-readmore btn btn-success\" target=\"_self\">Ver Sentencia Completa...<\/a><\/div><\/div><\/div><\/div>\n<div class=\"col-md-12 col-sm-12 col-xs-12 pt-cv-content-item pt-cv-1-col\" ><div class='pt-cv-ifield'><a href=\"https:\/\/www.dmsjuridica.com\/buscador_20179478954\/corteconstitucionalcronologico202454587\/t-1046-04\/\" class=\"_self pt-cv-href-thumbnail pt-cv-thumb-default\" target=\"_self\" ><\/a>\n<div class=\"pt-cv-taxoterm above_title\"><a href='https:\/\/www.dmsjuridica.com\/buscador_20179478954\/corteconstitucionalcronologico202454587\/category\/buscar-en-toda-la-corte\/2004\/tutelas-2004\/' title='Tutelas 2004' class='pt-cv-tax-tutelas-2004'>Tutelas 2004<\/a><\/div>\n<h4 class=\"pt-cv-title\"><a href=\"https:\/\/www.dmsjuridica.com\/buscador_20179478954\/corteconstitucionalcronologico202454587\/t-1046-04\/\" class=\"_self\" target=\"_self\" >T-1046-04<\/a><\/h4>\n<div class=\"pt-cv-content\">\u00a0 \u00a0 Sentencia T-1046\/04 \u00a0 DERECHO DE PETICION-Alcance \u00a0 DERECHO DE PETICION ANTE EMPRESA PRIVADA-Obligaci\u00f3n de dar respuestas a las solicitudes en forma clara, precisa y de fondo \u00a0 Del an\u00e1lisis de las respuestas dadas por la entidad demandada al actor se pudo establecer que el derecho de petici\u00f3n no fue satisfecho pues en realidad no se tom\u00f3 una posici\u00f3n de fondo, clara y precisa frente a la solicitud elevada por \u00e9ste y que consist\u00eda en ser evaluado por la Junta Regional de Calificaci\u00f3n de Invalidez ante su circunstancia espec\u00edfica de sentirse disminuido f\u00edsicamente por el desgaste de sus rodillas ...<br \/><div class=\"pt-cv-rmwrap\"><a href=\"https:\/\/www.dmsjuridica.com\/buscador_20179478954\/corteconstitucionalcronologico202454587\/t-1046-04\/\" class=\"_self pt-cv-readmore btn btn-success\" target=\"_self\">Ver Sentencia Completa...<\/a><\/div><\/div><\/div><\/div>\n<div class=\"col-md-12 col-sm-12 col-xs-12 pt-cv-content-item pt-cv-1-col\" ><div class='pt-cv-ifield'><a href=\"https:\/\/www.dmsjuridica.com\/buscador_20179478954\/corteconstitucionalcronologico202454587\/t-1045-04\/\" class=\"_self pt-cv-href-thumbnail pt-cv-thumb-default\" target=\"_self\" ><\/a>\n<div class=\"pt-cv-taxoterm above_title\"><a href='https:\/\/www.dmsjuridica.com\/buscador_20179478954\/corteconstitucionalcronologico202454587\/category\/buscar-en-toda-la-corte\/2004\/tutelas-2004\/' title='Tutelas 2004' class='pt-cv-tax-tutelas-2004'>Tutelas 2004<\/a><\/div>\n<h4 class=\"pt-cv-title\"><a href=\"https:\/\/www.dmsjuridica.com\/buscador_20179478954\/corteconstitucionalcronologico202454587\/t-1045-04\/\" class=\"_self\" target=\"_self\" >T-1045-04<\/a><\/h4>\n<div class=\"pt-cv-content\">\u00a0 \u00a0 Sentencia T-1045\/04 \u00a0 ACCION DE TUTELA-Procedencia\u00a0 \u00a0 DERECHOS FUNDAMENTALES DEL NI\u00d1O-Protecci\u00f3n constitucional\u00a0 \u00a0 ESTABLECIMIENTO CARCELARIO-Restricci\u00f3n derechos del interno \u00a0 ESTABLECIMIENTO CARCELARIO-Reglamento\u00a0 \u00a0 El director de cada centro de reclusi\u00f3n es la autoridad competente para expedir el reglamento que determinar\u00e1 el funcionamiento de las c\u00e1rceles y penitenciarias que tienen a su cargo. Es as\u00ed que las autoridades de dichos centros pueden exigir a los visitantes el sometimiento a ciertas reglas de conducta encaminadas a mantener la seguridad propia de este tipo de establecimiento. En todo caso, tal y como lo ha sostenido en diversas oportunidades esta Corporaci\u00f3n, tales normatividades ...<br \/><div class=\"pt-cv-rmwrap\"><a href=\"https:\/\/www.dmsjuridica.com\/buscador_20179478954\/corteconstitucionalcronologico202454587\/t-1045-04\/\" class=\"_self pt-cv-readmore btn btn-success\" target=\"_self\">Ver Sentencia Completa...<\/a><\/div><\/div><\/div><\/div>\n<div class=\"col-md-12 col-sm-12 col-xs-12 pt-cv-content-item pt-cv-1-col\" ><div class='pt-cv-ifield'><a href=\"https:\/\/www.dmsjuridica.com\/buscador_20179478954\/corteconstitucionalcronologico202454587\/t-1044-04\/\" class=\"_self pt-cv-href-thumbnail pt-cv-thumb-default\" target=\"_self\" ><\/a>\n<div class=\"pt-cv-taxoterm above_title\"><a href='https:\/\/www.dmsjuridica.com\/buscador_20179478954\/corteconstitucionalcronologico202454587\/category\/buscar-en-toda-la-corte\/2004\/tutelas-2004\/' title='Tutelas 2004' class='pt-cv-tax-tutelas-2004'>Tutelas 2004<\/a><\/div>\n<h4 class=\"pt-cv-title\"><a href=\"https:\/\/www.dmsjuridica.com\/buscador_20179478954\/corteconstitucionalcronologico202454587\/t-1044-04\/\" class=\"_self\" target=\"_self\" >T-1044-04<\/a><\/h4>\n<div class=\"pt-cv-content\">\u00a0 \u00a0 Sentencia T-1044\/04 \u00a0 DERECHO DE ACCESO A LA ADMINISTRACION DE JUSTICIA-Fundamental \u00a0 DERECHO DE ACCESO A LA ADMINISTRACION DE JUSTICIA-Alcance \u00a0 El acceso a la justicia se manifiesta tanto en la posibilidad que tiene cualquier persona de solicitar que los jueces competentes protejan sus derechos -tambi\u00e9n denominado \u201cderecho de acci\u00f3n\u201d, como en la de acudir a mecanismos como la conciliaci\u00f3n o el arbitraje para resolver sus conflictos. Este derecho faculta a sus titulares para contar con procedimientos id\u00f3neos y efectivos para la determinaci\u00f3n legal de los derechos y las obligaciones, lo cual impone claras obligaciones positivas para el ...<br \/><div class=\"pt-cv-rmwrap\"><a href=\"https:\/\/www.dmsjuridica.com\/buscador_20179478954\/corteconstitucionalcronologico202454587\/t-1044-04\/\" class=\"_self pt-cv-readmore btn btn-success\" target=\"_self\">Ver Sentencia Completa...<\/a><\/div><\/div><\/div><\/div>\n<div class=\"col-md-12 col-sm-12 col-xs-12 pt-cv-content-item pt-cv-1-col\" ><div class='pt-cv-ifield'><a href=\"https:\/\/www.dmsjuridica.com\/buscador_20179478954\/corteconstitucionalcronologico202454587\/t-1043-04\/\" class=\"_self pt-cv-href-thumbnail pt-cv-thumb-default\" target=\"_self\" ><\/a>\n<div class=\"pt-cv-taxoterm above_title\"><a href='https:\/\/www.dmsjuridica.com\/buscador_20179478954\/corteconstitucionalcronologico202454587\/category\/buscar-en-toda-la-corte\/2004\/tutelas-2004\/' title='Tutelas 2004' class='pt-cv-tax-tutelas-2004'>Tutelas 2004<\/a><\/div>\n<h4 class=\"pt-cv-title\"><a href=\"https:\/\/www.dmsjuridica.com\/buscador_20179478954\/corteconstitucionalcronologico202454587\/t-1043-04\/\" class=\"_self\" target=\"_self\" >T-1043-04<\/a><\/h4>\n<div class=\"pt-cv-content\">\u00a0 \u00a0 Sentencia T-1043\/04 \u00a0 ADMINISTRADORA DE RIESGOS PROFESIONALES-Objetivo y obligaciones \u00a0 ADMINISTRADORA DE RIESGOS PROFESIONALES-Pago de subsidio por incapacidad temporal es del 100% del salario base de cotizaci\u00f3n del empleado \u00a0 DERECHO A LA SALUD E INTEGRIDAD FISICA-Fundamental por conexidad\u00a0 \u00a0 ADMINISTRADORA DE RIESGOS PROFESIONALES-Deber de hacerse cargo de todo el tratamiento m\u00e9dico\u00a0 \u00a0 En el caso objeto de revisi\u00f3n, se tiene para el momento en el que el se\u00f1or Jim\u00e9nez sufri\u00f3 accidentalmente un segundo golpe en su hombro derecho (7 de enero de 2004), no hab\u00eda terminado el tratamiento ordenado por su m\u00e9dico para la completa \u00a0recuperaci\u00f3n de ...<br \/><div class=\"pt-cv-rmwrap\"><a href=\"https:\/\/www.dmsjuridica.com\/buscador_20179478954\/corteconstitucionalcronologico202454587\/t-1043-04\/\" class=\"_self pt-cv-readmore btn btn-success\" target=\"_self\">Ver Sentencia Completa...<\/a><\/div><\/div><\/div><\/div>\n<div class=\"col-md-12 col-sm-12 col-xs-12 pt-cv-content-item pt-cv-1-col\" ><div class='pt-cv-ifield'><a href=\"https:\/\/www.dmsjuridica.com\/buscador_20179478954\/corteconstitucionalcronologico202454587\/t-1042-04\/\" class=\"_self pt-cv-href-thumbnail pt-cv-thumb-default\" target=\"_self\" ><\/a>\n<div class=\"pt-cv-taxoterm above_title\"><a href='https:\/\/www.dmsjuridica.com\/buscador_20179478954\/corteconstitucionalcronologico202454587\/category\/buscar-en-toda-la-corte\/2004\/tutelas-2004\/' title='Tutelas 2004' class='pt-cv-tax-tutelas-2004'>Tutelas 2004<\/a><\/div>\n<h4 class=\"pt-cv-title\"><a href=\"https:\/\/www.dmsjuridica.com\/buscador_20179478954\/corteconstitucionalcronologico202454587\/t-1042-04\/\" class=\"_self\" target=\"_self\" >T-1042-04<\/a><\/h4>\n<div class=\"pt-cv-content\">\u00a0 \u00a0 Sentencia T-1042\/04 \u00a0 ACCION DE TUTELA CONTRA PROVIDENCIAS JUDICIALES POR VIA DE HECHO-Procedencia excepcional. \u00a0 La Sala de Revisi\u00f3n estima necesario reiterar lo abordado ampliamente por la jurisprudencia constitucional, a saber: la acci\u00f3n de tutela s\u00ed procede contra una providencia judicial en la que se configura una v\u00eda de hecho, afect\u00e1ndose de manera grave los derechos fundamentales. Para esto, a continuaci\u00f3n la sala de revisi\u00f3n insiste en lo dicho en la sentencia T-800A de 2002.. En la sentencia C-543 de 1992, citada como precedente aplicable al caso por la Sala de Casaci\u00f3n Civil de la Corte Suprema de ...<br \/><div class=\"pt-cv-rmwrap\"><a href=\"https:\/\/www.dmsjuridica.com\/buscador_20179478954\/corteconstitucionalcronologico202454587\/t-1042-04\/\" class=\"_self pt-cv-readmore btn btn-success\" target=\"_self\">Ver Sentencia Completa...<\/a><\/div><\/div><\/div><\/div>\n<div class=\"col-md-12 col-sm-12 col-xs-12 pt-cv-content-item pt-cv-1-col\" ><div class='pt-cv-ifield'><a href=\"https:\/\/www.dmsjuridica.com\/buscador_20179478954\/corteconstitucionalcronologico202454587\/t-1038-04\/\" class=\"_self pt-cv-href-thumbnail pt-cv-thumb-default\" target=\"_self\" ><\/a>\n<div class=\"pt-cv-taxoterm above_title\"><a href='https:\/\/www.dmsjuridica.com\/buscador_20179478954\/corteconstitucionalcronologico202454587\/category\/buscar-en-toda-la-corte\/2004\/tutelas-2004\/' title='Tutelas 2004' class='pt-cv-tax-tutelas-2004'>Tutelas 2004<\/a><\/div>\n<h4 class=\"pt-cv-title\"><a href=\"https:\/\/www.dmsjuridica.com\/buscador_20179478954\/corteconstitucionalcronologico202454587\/t-1038-04\/\" class=\"_self\" target=\"_self\" >T-1038-04<\/a><\/h4>\n<div class=\"pt-cv-content\">\u00a0 \u00a0 Sentencia T-1038\/04 \u00a0 DERECHO DE ACCESO A LA ADMINISTRACION DE JUSTICIA-No vulneraci\u00f3n \u00a0 VIA DE HECHO EN PROCESO CIVIL-Existencia de incongruencia entre lo pedido y lo fallado \u00a0 La jurisprudencia constitucional tiene dicho que los jueces deben resolver las situaciones que les son propuestas, as\u00ed sus pronunciamientos no abarque todo lo pedido y en ocasiones vayan m\u00e1s all\u00e1 de lo pretendido, porque toda disparidad relevante entre el conflicto planteado y el resuelto quebranta las garant\u00edas constitucionales al debido proceso, al acceso a la justicia y a la igualdad.\u00a0 \u00a0 DEBIDO PROCESO-Vulneraci\u00f3n por entidad financiera al solicitar saldo despu\u00e9s ...<br \/><div class=\"pt-cv-rmwrap\"><a href=\"https:\/\/www.dmsjuridica.com\/buscador_20179478954\/corteconstitucionalcronologico202454587\/t-1038-04\/\" class=\"_self pt-cv-readmore btn btn-success\" target=\"_self\">Ver Sentencia Completa...<\/a><\/div><\/div><\/div><\/div>\n<div class=\"col-md-12 col-sm-12 col-xs-12 pt-cv-content-item pt-cv-1-col\" ><div class='pt-cv-ifield'><a href=\"https:\/\/www.dmsjuridica.com\/buscador_20179478954\/corteconstitucionalcronologico202454587\/t-1037-04\/\" class=\"_self pt-cv-href-thumbnail pt-cv-thumb-default\" target=\"_self\" ><\/a>\n<div class=\"pt-cv-taxoterm above_title\"><a href='https:\/\/www.dmsjuridica.com\/buscador_20179478954\/corteconstitucionalcronologico202454587\/category\/buscar-en-toda-la-corte\/2004\/tutelas-2004\/' title='Tutelas 2004' class='pt-cv-tax-tutelas-2004'>Tutelas 2004<\/a><\/div>\n<h4 class=\"pt-cv-title\"><a href=\"https:\/\/www.dmsjuridica.com\/buscador_20179478954\/corteconstitucionalcronologico202454587\/t-1037-04\/\" class=\"_self\" target=\"_self\" >T-1037-04<\/a><\/h4>\n<div class=\"pt-cv-content\">\u00a0 \u00a0 Sentencia T-1037\/04 \u00a0 ESTADO SOCIAL DE DERECHO-Desarrollo en el tema de salud\u00a0 \u00a0 DERECHO A LA SALUD-Fundamental por conexidad \u00a0 DERECHO A LA VIDA DIGNA-Alcance \u00a0 ENTIDAD PROMOTORA DE SALUD-Debe obrar con diligencia\u00a0 \u00a0 INAPLICACION DE NORMAS DEL PLAN OBLIGATORIO DE SALUD-Deber de la EPS de practicar ex\u00e1menes aunque est\u00e9n excluidos\u00a0 \u00a0 NORMAS DEL PLAN OBLIGATORIO DE SALUD-Trasplante renal se encuentra cubierto por el POS \u00a0 Es oportuno se\u00f1alar que el literal i) del art\u00edculo 18 de la Resoluci\u00f3n 5261 de 1994 (Manual de Procedimientos e Intervenciones del Plan Obligatorio de Salud -MAPIPOS-), contempla dentro del POS el ...<br \/><div class=\"pt-cv-rmwrap\"><a href=\"https:\/\/www.dmsjuridica.com\/buscador_20179478954\/corteconstitucionalcronologico202454587\/t-1037-04\/\" class=\"_self pt-cv-readmore btn btn-success\" target=\"_self\">Ver Sentencia Completa...<\/a><\/div><\/div><\/div><\/div>\n<div class=\"col-md-12 col-sm-12 col-xs-12 pt-cv-content-item pt-cv-1-col\" ><div class='pt-cv-ifield'><a href=\"https:\/\/www.dmsjuridica.com\/buscador_20179478954\/corteconstitucionalcronologico202454587\/t-1036-04\/\" class=\"_self pt-cv-href-thumbnail pt-cv-thumb-default\" target=\"_self\" ><\/a>\n<div class=\"pt-cv-taxoterm above_title\"><a href='https:\/\/www.dmsjuridica.com\/buscador_20179478954\/corteconstitucionalcronologico202454587\/category\/buscar-en-toda-la-corte\/2004\/tutelas-2004\/' title='Tutelas 2004' class='pt-cv-tax-tutelas-2004'>Tutelas 2004<\/a><\/div>\n<h4 class=\"pt-cv-title\"><a href=\"https:\/\/www.dmsjuridica.com\/buscador_20179478954\/corteconstitucionalcronologico202454587\/t-1036-04\/\" class=\"_self\" target=\"_self\" >T-1036-04<\/a><\/h4>\n<div class=\"pt-cv-content\">\u00a0 \u00a0 Sentencia T-1036\/04 \u00a0 DERECHO A LA SALUD-Fundamental por conexidad con la vida digna \u00a0 El derecho a la salud puede ser objeto de protecci\u00f3n constitucional, siempre que su amenaza o vulneraci\u00f3n, ponga en riesgo \u00a0derechos fundamentales con los cuales tenga una relaci\u00f3n de conexidad directa. As\u00ed mismo, en aquellos eventos en los cuales la salud y la vida de las personas se encuentran grave y directamente comprometidas a causa de operaciones no realizadas, tratamientos inacabados, diagn\u00f3sticos dilatados, drogas no suministradas etc., bajo pretextos puramente econ\u00f3micos o respaldados en normas legales o reglamentarias, la jurisprudencia ha permitido que el ...<br \/><div class=\"pt-cv-rmwrap\"><a href=\"https:\/\/www.dmsjuridica.com\/buscador_20179478954\/corteconstitucionalcronologico202454587\/t-1036-04\/\" class=\"_self pt-cv-readmore btn btn-success\" target=\"_self\">Ver Sentencia Completa...<\/a><\/div><\/div><\/div><\/div>\n<div class=\"col-md-12 col-sm-12 col-xs-12 pt-cv-content-item pt-cv-1-col\" ><div class='pt-cv-ifield'><a href=\"https:\/\/www.dmsjuridica.com\/buscador_20179478954\/corteconstitucionalcronologico202454587\/t-1035-04\/\" class=\"_self pt-cv-href-thumbnail pt-cv-thumb-default\" target=\"_self\" ><\/a>\n<div class=\"pt-cv-taxoterm above_title\"><a href='https:\/\/www.dmsjuridica.com\/buscador_20179478954\/corteconstitucionalcronologico202454587\/category\/buscar-en-toda-la-corte\/2004\/tutelas-2004\/' title='Tutelas 2004' class='pt-cv-tax-tutelas-2004'>Tutelas 2004<\/a><\/div>\n<h4 class=\"pt-cv-title\"><a href=\"https:\/\/www.dmsjuridica.com\/buscador_20179478954\/corteconstitucionalcronologico202454587\/t-1035-04\/\" class=\"_self\" target=\"_self\" >T-1035-04<\/a><\/h4>\n<div class=\"pt-cv-content\">\u00a0 \u00a0 Sentencia T-1035\/04 \u00a0 ACCION DE TUTELA CONTRA PROVIDENCIAS JUDICIALES POR VIA DE HECHO-Vulneraci\u00f3n al debido proceso por no haber notificado al imputado conocido de la investigaci\u00f3n previa \u00a0 La v\u00eda de hecho se configurar\u00eda por haberse omitido la comunicaci\u00f3n o notificaci\u00f3n al aqu\u00ed demandante durante la etapa preliminar, pues en ella \u00a0existieron testimonios en su contra; y siendo \u00e9l una persona p\u00fablica en el Departamento de Arauca, no era posible alegar que se trataba de un imputado desconocido a quien fuera necesario identificar plenamente o localizar, pues tambi\u00e9n su lugar de ubicaci\u00f3n era de p\u00fablico conocimiento. De esta ...<br \/><div class=\"pt-cv-rmwrap\"><a href=\"https:\/\/www.dmsjuridica.com\/buscador_20179478954\/corteconstitucionalcronologico202454587\/t-1035-04\/\" class=\"_self pt-cv-readmore btn btn-success\" target=\"_self\">Ver Sentencia Completa...<\/a><\/div><\/div><\/div><\/div>\n<div class=\"col-md-12 col-sm-12 col-xs-12 pt-cv-content-item pt-cv-1-col\" ><div class='pt-cv-ifield'><a href=\"https:\/\/www.dmsjuridica.com\/buscador_20179478954\/corteconstitucionalcronologico202454587\/t-1034-04\/\" class=\"_self pt-cv-href-thumbnail pt-cv-thumb-default\" target=\"_self\" ><\/a>\n<div class=\"pt-cv-taxoterm above_title\"><a href='https:\/\/www.dmsjuridica.com\/buscador_20179478954\/corteconstitucionalcronologico202454587\/category\/buscar-en-toda-la-corte\/2004\/tutelas-2004\/' title='Tutelas 2004' class='pt-cv-tax-tutelas-2004'>Tutelas 2004<\/a><\/div>\n<h4 class=\"pt-cv-title\"><a href=\"https:\/\/www.dmsjuridica.com\/buscador_20179478954\/corteconstitucionalcronologico202454587\/t-1034-04\/\" class=\"_self\" target=\"_self\" >T-1034-04<\/a><\/h4>\n<div class=\"pt-cv-content\">\u00a0 \u00a0 Sentencia T-1034\/04 \u00a0 DERECHO A LA SEGURIDAD SOCIAL Y DERECHO A LA PENSION DE INVALIDEZ-Fundamental por conexidad \u00a0 DERECHO A LA SEGURIDAD SOCIAL-Fundamental por afectaci\u00f3n del m\u00ednimo vital\u00a0 \u00a0 DERECHO A LA SEGURIDAD SOCIAL DEL DISCAPACITADO-Recursos para la preservaci\u00f3n de su dignidad humana \u00a0 Una de las manifestaciones contempor\u00e1neas de expresi\u00f3n del derecho a la seguridad social \u00a0es el derecho a la pensi\u00f3n de invalidez, que busca compensar la situaci\u00f3n de infortunio derivada de la p\u00e9rdida de la capacidad laboral, mediante el otorgamiento de unas prestaciones econ\u00f3micas y de salud, cuya caracter\u00edstica fundamental en su condici\u00f3n de esenciales ...<br \/><div class=\"pt-cv-rmwrap\"><a href=\"https:\/\/www.dmsjuridica.com\/buscador_20179478954\/corteconstitucionalcronologico202454587\/t-1034-04\/\" class=\"_self pt-cv-readmore btn btn-success\" target=\"_self\">Ver Sentencia Completa...<\/a><\/div><\/div><\/div><\/div>\n<div class=\"col-md-12 col-sm-12 col-xs-12 pt-cv-content-item pt-cv-1-col\" ><div class='pt-cv-ifield'><a href=\"https:\/\/www.dmsjuridica.com\/buscador_20179478954\/corteconstitucionalcronologico202454587\/t-1033-04\/\" class=\"_self pt-cv-href-thumbnail pt-cv-thumb-default\" target=\"_self\" ><\/a>\n<div class=\"pt-cv-taxoterm above_title\"><a href='https:\/\/www.dmsjuridica.com\/buscador_20179478954\/corteconstitucionalcronologico202454587\/category\/buscar-en-toda-la-corte\/2004\/tutelas-2004\/' title='Tutelas 2004' class='pt-cv-tax-tutelas-2004'>Tutelas 2004<\/a><\/div>\n<h4 class=\"pt-cv-title\"><a href=\"https:\/\/www.dmsjuridica.com\/buscador_20179478954\/corteconstitucionalcronologico202454587\/t-1033-04\/\" class=\"_self\" target=\"_self\" >T-1033-04<\/a><\/h4>\n<div class=\"pt-cv-content\">\u00a0 \u00a0 Sentencia T-1033\/04 \u00a0 DERECHO A LA SALUD-Fundamental por conexidad con la vida digna \u00a0 DERECHO A LA SALUD Y SEGURIDAD SOCIAL-Servicio p\u00fablico de car\u00e1cter obligatorio y derecho irrenunciable \u00a0 ENTIDAD PROMOTORA DE SALUD-Debe obrar con diligencia\u00a0 \u00a0 SISBEN-Carn\u00e9 de afiliado no es el que otorga el derecho \u00a0 Referencia: expediente T-982467 \u00a0 Acci\u00f3n de tutela de \u00a0Antonio Jos\u00e9 Causado Olivera, contra el Director del Departamento Administrativo Distrital de Salud-DADIS.\u00a0 \u00a0 Procedencia: Juzgado Primero Civil Municipal de Cartagena. \u00a0 Magistrado Ponente:\u00a0 \u00a0 Dr. ALFREDO BELTR\u00c1N SIERRA \u00a0 Bogot\u00e1, D. C., veintiuno (21) de \u00a0octubre \u00a0de dos mil cuatro (2004) ...<br \/><div class=\"pt-cv-rmwrap\"><a href=\"https:\/\/www.dmsjuridica.com\/buscador_20179478954\/corteconstitucionalcronologico202454587\/t-1033-04\/\" class=\"_self pt-cv-readmore btn btn-success\" target=\"_self\">Ver Sentencia Completa...<\/a><\/div><\/div><\/div><\/div>\n<div class=\"col-md-12 col-sm-12 col-xs-12 pt-cv-content-item pt-cv-1-col\" ><div class='pt-cv-ifield'><a href=\"https:\/\/www.dmsjuridica.com\/buscador_20179478954\/corteconstitucionalcronologico202454587\/t-1032-04\/\" class=\"_self pt-cv-href-thumbnail pt-cv-thumb-default\" target=\"_self\" ><\/a>\n<div class=\"pt-cv-taxoterm above_title\"><a href='https:\/\/www.dmsjuridica.com\/buscador_20179478954\/corteconstitucionalcronologico202454587\/category\/buscar-en-toda-la-corte\/2004\/tutelas-2004\/' title='Tutelas 2004' class='pt-cv-tax-tutelas-2004'>Tutelas 2004<\/a><\/div>\n<h4 class=\"pt-cv-title\"><a href=\"https:\/\/www.dmsjuridica.com\/buscador_20179478954\/corteconstitucionalcronologico202454587\/t-1032-04\/\" class=\"_self\" target=\"_self\" >T-1032-04<\/a><\/h4>\n<div class=\"pt-cv-content\">\u00a0 \u00a0 Sentencia T-1032\/04 \u00a0 DERECHO DE PETICION-Fundamental\u00a0 \u00a0 DERECHO DE PETICION-Respuesta debe ser oportuna y de fondo \u00a0 DERECHO DE PETICION EN MATERIA PENSIONAL-Reglas para los operadores jur\u00eddicos al aplicar los t\u00e9rminos\u00a0 \u00a0 DERECHO DE PETICION EN MATERIA PENSIONAL-T\u00e9rmino de quince d\u00edas\u00a0 \u00a0 DERECHO DE PETICION EN MATERIA PENSIONAL-T\u00e9rmino de cuatro y seis meses para resolver reconocimiento y pago\u00a0 \u00a0 BONOS PENSIONALES-Tramitaci\u00f3n del bono tipo B\u00a0 \u00a0 BONOS PENSIONALES-Aspectos a tener en cuenta en su tramitaci\u00f3n \u00a0 BONOS PENSIONALES-Expedici\u00f3n y emisi\u00f3n \u00a0 BONOS PENSIONALES-Pronta tramitaci\u00f3n \u00a0 BONOS PENSIONALES-Demora en emisi\u00f3n afecta derechos fundamentales \u00a0 Referencia: expedientes T- 972829 y ...<br \/><div class=\"pt-cv-rmwrap\"><a href=\"https:\/\/www.dmsjuridica.com\/buscador_20179478954\/corteconstitucionalcronologico202454587\/t-1032-04\/\" class=\"_self pt-cv-readmore btn btn-success\" target=\"_self\">Ver Sentencia Completa...<\/a><\/div><\/div><\/div><\/div>\n<div class=\"col-md-12 col-sm-12 col-xs-12 pt-cv-content-item pt-cv-1-col\" ><div class='pt-cv-ifield'><a href=\"https:\/\/www.dmsjuridica.com\/buscador_20179478954\/corteconstitucionalcronologico202454587\/t-1031-04\/\" class=\"_self pt-cv-href-thumbnail pt-cv-thumb-default\" target=\"_self\" ><\/a>\n<div class=\"pt-cv-taxoterm above_title\"><a href='https:\/\/www.dmsjuridica.com\/buscador_20179478954\/corteconstitucionalcronologico202454587\/category\/buscar-en-toda-la-corte\/2004\/tutelas-2004\/' title='Tutelas 2004' class='pt-cv-tax-tutelas-2004'>Tutelas 2004<\/a><\/div>\n<h4 class=\"pt-cv-title\"><a href=\"https:\/\/www.dmsjuridica.com\/buscador_20179478954\/corteconstitucionalcronologico202454587\/t-1031-04\/\" class=\"_self\" target=\"_self\" >T-1031-04<\/a><\/h4>\n<div class=\"pt-cv-content\">\u00a0 \u00a0 Sentencia T-1031\/04 \u00a0 ESTADO SOCIAL DE DERECHO-Protecci\u00f3n de personas en circunstancias de debilidad manifiesta \u00a0 PRINCIPIO DE SOLIDARIDAD EN EL ESTADO SOCIAL DE DERECHO-Manifestaciones en la Constituci\u00f3n Pol\u00edtica \u00a0 DEBERES SOCIALES Y ORDENES DE OBLIGADOS-Los establece \u00a0la Constituci\u00f3n Pol\u00edtica \u00a0 ANCIANOS INDIGENTES-Protecci\u00f3n especial \u00a0 PROGRAMA DE AUXILIOS PARA ANCIANOS INDIGENTES \u00a0 Para la Sala de Revisi\u00f3n, esta situaci\u00f3n puso en grave peligro los derechos fundamentales al m\u00ednimo vital y a la igualdad de los afectados, se desconoci\u00f3 la obligaci\u00f3n de proteger a las personas que se encuentran en estado de debilidad manifiesta y que dependen de la ayuda ...<br \/><div class=\"pt-cv-rmwrap\"><a href=\"https:\/\/www.dmsjuridica.com\/buscador_20179478954\/corteconstitucionalcronologico202454587\/t-1031-04\/\" class=\"_self pt-cv-readmore btn btn-success\" target=\"_self\">Ver Sentencia Completa...<\/a><\/div><\/div><\/div><\/div>\n<div class=\"col-md-12 col-sm-12 col-xs-12 pt-cv-content-item pt-cv-1-col\" ><div class='pt-cv-ifield'><a href=\"https:\/\/www.dmsjuridica.com\/buscador_20179478954\/corteconstitucionalcronologico202454587\/t-1023-04\/\" class=\"_self pt-cv-href-thumbnail pt-cv-thumb-default\" target=\"_self\" ><\/a>\n<div class=\"pt-cv-taxoterm above_title\"><a href='https:\/\/www.dmsjuridica.com\/buscador_20179478954\/corteconstitucionalcronologico202454587\/category\/buscar-en-toda-la-corte\/2004\/tutelas-2004\/' title='Tutelas 2004' class='pt-cv-tax-tutelas-2004'>Tutelas 2004<\/a><\/div>\n<h4 class=\"pt-cv-title\"><a href=\"https:\/\/www.dmsjuridica.com\/buscador_20179478954\/corteconstitucionalcronologico202454587\/t-1023-04\/\" class=\"_self\" target=\"_self\" >T-1023-04<\/a><\/h4>\n<div class=\"pt-cv-content\">\u00a0 \u00a0 Sentencia T-1023\/04 \u00a0 LICENCIA DE MATERNIDAD-Procedencia excepcional de tutela para reclamar el reconocimiento y pago\u00a0 \u00a0 LICENCIA DE MATERNIDAD-Pago por allanamiento a la mora por EPS\u00a0 \u00a0 En relaci\u00f3n con este punto, esta Corporaci\u00f3n ha se\u00f1alado que las EPS pueden hacer uso de los mecanismos que les brinda la ley para oponerse al pago fuera de tiempo de las cotizaciones de sus afiliados, pero que si llegan a aceptarlas sin pronunciarse oportunamente, se presenta el fen\u00f3meno de allanamiento a la mora, que conlleva que dichas entidades no puedan negarse a la cancelaci\u00f3n de las licencias de maternidad reclamadas ...<br \/><div class=\"pt-cv-rmwrap\"><a href=\"https:\/\/www.dmsjuridica.com\/buscador_20179478954\/corteconstitucionalcronologico202454587\/t-1023-04\/\" class=\"_self pt-cv-readmore btn btn-success\" target=\"_self\">Ver Sentencia Completa...<\/a><\/div><\/div><\/div><\/div>\n<div class=\"col-md-12 col-sm-12 col-xs-12 pt-cv-content-item pt-cv-1-col\" ><div class='pt-cv-ifield'><a href=\"https:\/\/www.dmsjuridica.com\/buscador_20179478954\/corteconstitucionalcronologico202454587\/t-1022-04\/\" class=\"_self pt-cv-href-thumbnail pt-cv-thumb-default\" target=\"_self\" ><\/a>\n<div class=\"pt-cv-taxoterm above_title\"><a href='https:\/\/www.dmsjuridica.com\/buscador_20179478954\/corteconstitucionalcronologico202454587\/category\/buscar-en-toda-la-corte\/2004\/tutelas-2004\/' title='Tutelas 2004' class='pt-cv-tax-tutelas-2004'>Tutelas 2004<\/a><\/div>\n<h4 class=\"pt-cv-title\"><a href=\"https:\/\/www.dmsjuridica.com\/buscador_20179478954\/corteconstitucionalcronologico202454587\/t-1022-04\/\" class=\"_self\" target=\"_self\" >T-1022-04<\/a><\/h4>\n<div class=\"pt-cv-content\">\u00a0 \u00a0 Sentencia T-1022\/04 \u00a0 DERECHO A LA SALUD-Fundamental por conexidad con la vida\u00a0 \u00a0 La Corte Constitucional ha afirmado que el ser humano necesita mantener ciertos niveles de salud para sobrevivir y desempe\u00f1arse, de modo que cuando la presencia de ciertas anomal\u00edas en la salud, a\u00fan cuando no tenga el car\u00e1cter de enfermedad, afectan esos niveles, poniendo en peligro la dignidad personal, resulta v\u00e1lido pensar que el paciente tiene derecho a abrigar esperanzas de recuperaci\u00f3n, a procurar alivio a sus dolencias, a buscar, por los medios posibles, la posibilidad de una vida que no obstante las dolencias, pueda llevarse ...<br \/><div class=\"pt-cv-rmwrap\"><a href=\"https:\/\/www.dmsjuridica.com\/buscador_20179478954\/corteconstitucionalcronologico202454587\/t-1022-04\/\" class=\"_self pt-cv-readmore btn btn-success\" target=\"_self\">Ver Sentencia Completa...<\/a><\/div><\/div><\/div><\/div>\n<div class=\"col-md-12 col-sm-12 col-xs-12 pt-cv-content-item pt-cv-1-col\" ><div class='pt-cv-ifield'><a href=\"https:\/\/www.dmsjuridica.com\/buscador_20179478954\/corteconstitucionalcronologico202454587\/t-1021-04\/\" class=\"_self pt-cv-href-thumbnail pt-cv-thumb-default\" target=\"_self\" ><\/a>\n<div class=\"pt-cv-taxoterm above_title\"><a href='https:\/\/www.dmsjuridica.com\/buscador_20179478954\/corteconstitucionalcronologico202454587\/category\/buscar-en-toda-la-corte\/2004\/tutelas-2004\/' title='Tutelas 2004' class='pt-cv-tax-tutelas-2004'>Tutelas 2004<\/a><\/div>\n<h4 class=\"pt-cv-title\"><a href=\"https:\/\/www.dmsjuridica.com\/buscador_20179478954\/corteconstitucionalcronologico202454587\/t-1021-04\/\" class=\"_self\" target=\"_self\" >T-1021-04<\/a><\/h4>\n<div class=\"pt-cv-content\">\u00a0 \u00a0 Sentencia T-1021\/04 \u00a0 ACCION DE TUTELA-Hecho superado por haberse realizado cirug\u00eda \u00a0 REGIMEN CONTRIBUTIVO DE SEGURIDAD SOCIAL EN SALUD-Alcance\/REGIMEN SUBSIDIADO DE SEGURIDAD SOCIAL EN SALUD-Alcance \u00a0 SISBEN-Acceso igualitario a los bienes y recursos p\u00fablicos \u00a0 La Corte ha se\u00f1alado que las personas tienen derecho a la actualizaci\u00f3n e inclusi\u00f3n de sus datos en el SISBEN no s\u00f3lo porque \u00e9sta facultad se encuentra \u00edntimamente vinculada con el derecho al habeas data administrativo, sino tambi\u00e9n porque en estos casos espec\u00edficos, est\u00e1n de por medio los derechos a la salud y a la vida de los asociados. En consecuencia, la Corte ...<br \/><div class=\"pt-cv-rmwrap\"><a href=\"https:\/\/www.dmsjuridica.com\/buscador_20179478954\/corteconstitucionalcronologico202454587\/t-1021-04\/\" class=\"_self pt-cv-readmore btn btn-success\" target=\"_self\">Ver Sentencia Completa...<\/a><\/div><\/div><\/div><\/div>\n<div class=\"col-md-12 col-sm-12 col-xs-12 pt-cv-content-item pt-cv-1-col\" ><div class='pt-cv-ifield'><a href=\"https:\/\/www.dmsjuridica.com\/buscador_20179478954\/corteconstitucionalcronologico202454587\/t-1020-04\/\" class=\"_self pt-cv-href-thumbnail pt-cv-thumb-default\" target=\"_self\" ><\/a>\n<div class=\"pt-cv-taxoterm above_title\"><a href='https:\/\/www.dmsjuridica.com\/buscador_20179478954\/corteconstitucionalcronologico202454587\/category\/buscar-en-toda-la-corte\/2004\/tutelas-2004\/' title='Tutelas 2004' class='pt-cv-tax-tutelas-2004'>Tutelas 2004<\/a><\/div>\n<h4 class=\"pt-cv-title\"><a href=\"https:\/\/www.dmsjuridica.com\/buscador_20179478954\/corteconstitucionalcronologico202454587\/t-1020-04\/\" class=\"_self\" target=\"_self\" >T-1020-04<\/a><\/h4>\n<div class=\"pt-cv-content\">DERECHO A LA SALUD-Fundamental por conexidad \u00a0 ACCION DE TUTELA-Principales obligaciones del juez de tutela \u00a0 PRINCIPIO DE OFICIOSIDAD E INFORMALIDAD DE PROCESO DE TUTELA \u00a0 ACCION DE TUTELA-Obligaci\u00f3n del juez de tutela de integrar el contradictorio\u00a0 \u00a0 ACCION DE TUTELA-Carencia actual de objeto \u00a0 Reiteraci\u00f3n de Jurisprudencia \u00a0 Referencia: expediente T-949263 \u00a0 Acci\u00f3n de tutela instaurada por Fernando Augusto Cort\u00e9s Neme contra CAJANAL E.P.S..\u00a0 \u00a0 Magistrado Ponente: \u00a0 Dr. HUMBERTO SIERRA PORTO \u00a0 La Sala S\u00e9ptima de revisi\u00f3n de la Corte Constitucional, en ejercicio de sus competencias constitucionales y legales, espec\u00edficamente las previstas en los art\u00edculos 86 y 241, ...<br \/><div class=\"pt-cv-rmwrap\"><a href=\"https:\/\/www.dmsjuridica.com\/buscador_20179478954\/corteconstitucionalcronologico202454587\/t-1020-04\/\" class=\"_self pt-cv-readmore btn btn-success\" target=\"_self\">Ver Sentencia Completa...<\/a><\/div><\/div><\/div><\/div>\n<div class=\"col-md-12 col-sm-12 col-xs-12 pt-cv-content-item pt-cv-1-col\" ><div class='pt-cv-ifield'><a href=\"https:\/\/www.dmsjuridica.com\/buscador_20179478954\/corteconstitucionalcronologico202454587\/t-1019-04\/\" class=\"_self pt-cv-href-thumbnail pt-cv-thumb-default\" target=\"_self\" ><\/a>\n<div class=\"pt-cv-taxoterm above_title\"><a href='https:\/\/www.dmsjuridica.com\/buscador_20179478954\/corteconstitucionalcronologico202454587\/category\/buscar-en-toda-la-corte\/2004\/tutelas-2004\/' title='Tutelas 2004' class='pt-cv-tax-tutelas-2004'>Tutelas 2004<\/a><\/div>\n<h4 class=\"pt-cv-title\"><a href=\"https:\/\/www.dmsjuridica.com\/buscador_20179478954\/corteconstitucionalcronologico202454587\/t-1019-04\/\" class=\"_self\" target=\"_self\" >T-1019-04<\/a><\/h4>\n<div class=\"pt-cv-content\">\u00a0 \u00a0 Sentencia T-1019\/04 \u00a0 ACCION DE TUTELA TEMERARIA-Alcance\u00a0 \u00a0 DERECHO A LA SALUD MENTAL-Fundamental por conexidad con la vida e integridad personal\u00a0 \u00a0 Para la Corte es claro, que en los casos de peligro o afectaci\u00f3n de la salud mental y sicol\u00f3gica de una persona no solamente est\u00e1n comprometidos los derechos fundamentales que a ella corresponden sino los de sus allegados m\u00e1s pr\u00f3ximos, los de la familia como unidad y n\u00facleo esencial de la sociedad que merece especial protecci\u00f3n, y los de la colectividad. De all\u00ed que, al reclamar judicialmente la preservaci\u00f3n inmediata del derecho a su salud mental, ...<br \/><div class=\"pt-cv-rmwrap\"><a href=\"https:\/\/www.dmsjuridica.com\/buscador_20179478954\/corteconstitucionalcronologico202454587\/t-1019-04\/\" class=\"_self pt-cv-readmore btn btn-success\" target=\"_self\">Ver Sentencia Completa...<\/a><\/div><\/div><\/div><\/div>\n<div class=\"col-md-12 col-sm-12 col-xs-12 pt-cv-content-item pt-cv-1-col\" ><div class='pt-cv-ifield'><a href=\"https:\/\/www.dmsjuridica.com\/buscador_20179478954\/corteconstitucionalcronologico202454587\/t-1018-04\/\" class=\"_self pt-cv-href-thumbnail pt-cv-thumb-default\" target=\"_self\" ><\/a>\n<div class=\"pt-cv-taxoterm above_title\"><a href='https:\/\/www.dmsjuridica.com\/buscador_20179478954\/corteconstitucionalcronologico202454587\/category\/buscar-en-toda-la-corte\/2004\/tutelas-2004\/' title='Tutelas 2004' class='pt-cv-tax-tutelas-2004'>Tutelas 2004<\/a><\/div>\n<h4 class=\"pt-cv-title\"><a href=\"https:\/\/www.dmsjuridica.com\/buscador_20179478954\/corteconstitucionalcronologico202454587\/t-1018-04\/\" class=\"_self\" target=\"_self\" >T-1018-04<\/a><\/h4>\n<div class=\"pt-cv-content\">\u00a0 \u00a0 Sentencia T-1018\/04 \u00a0 DERECHO DE PETICION-Alcance\/DERECHO DE PETICION-N\u00facleo esencial \u00a0 DERECHO DE PETICION EN MATERIA PENSIONAL-T\u00e9rmino de quince d\u00edas\u00a0 \u00a0 DERECHO DE PETICION EN MATERIA PENSIONAL-T\u00e9rmino de cuatro y seis meses para resolver reconocimiento y pago\u00a0 \u00a0 DERECHO DE PETICION EN MATERIA PENSIONAL-Procedencia de tutela\u00a0 \u00a0 La entidad demandada cuenta con quince (15) d\u00edas para informar a los \u00a0peticionarios sobre el tr\u00e1mite iniciado a su petici\u00f3n; cuatro meses (4) para decidir definitivamente sobre el derecho pensional y seis meses (6) para comenzar el pago de la pensi\u00f3n, si es el caso que \u00e9sta fue reconocida. Puede observarse que ...<br \/><div class=\"pt-cv-rmwrap\"><a href=\"https:\/\/www.dmsjuridica.com\/buscador_20179478954\/corteconstitucionalcronologico202454587\/t-1018-04\/\" class=\"_self pt-cv-readmore btn btn-success\" target=\"_self\">Ver Sentencia Completa...<\/a><\/div><\/div><\/div><\/div>\n<div class=\"col-md-12 col-sm-12 col-xs-12 pt-cv-content-item pt-cv-1-col\" ><div class='pt-cv-ifield'><a href=\"https:\/\/www.dmsjuridica.com\/buscador_20179478954\/corteconstitucionalcronologico202454587\/t-1017-04\/\" class=\"_self pt-cv-href-thumbnail pt-cv-thumb-default\" target=\"_self\" ><\/a>\n<div class=\"pt-cv-taxoterm above_title\"><a href='https:\/\/www.dmsjuridica.com\/buscador_20179478954\/corteconstitucionalcronologico202454587\/category\/buscar-en-toda-la-corte\/2004\/tutelas-2004\/' title='Tutelas 2004' class='pt-cv-tax-tutelas-2004'>Tutelas 2004<\/a><\/div>\n<h4 class=\"pt-cv-title\"><a href=\"https:\/\/www.dmsjuridica.com\/buscador_20179478954\/corteconstitucionalcronologico202454587\/t-1017-04\/\" class=\"_self\" target=\"_self\" >T-1017-04<\/a><\/h4>\n<div class=\"pt-cv-content\">\u00a0 \u00a0 Sentencia T-1017\/04 \u00a0 DERECHO DE PETICION-Alcance\/DERECHO DE PETICION-N\u00facleo esencial \u00a0 DERECHO DE PETICION-Respuesta debe ser oportuna y de fondo\u00a0 \u00a0 DERECHO DE PETICION EN MATERIA PENSIONAL-T\u00e9rmino de quince d\u00edas\u00a0 \u00a0 DERECHO DE PETICION EN MATERIA PENSIONAL-T\u00e9rmino de cuatro y seis meses para resolver reconocimiento y pago\u00a0 \u00a0 DERECHO DE PETICION EN MATERIA PENSIONAL-Procedencia de tutela\u00a0 \u00a0 Al momento de ser interpuesta la acci\u00f3n de tutela, hab\u00edan transcurrido el t\u00e9rmino se\u00f1alado por la jurisprudencia, para que la entidad informara al peticionario sobre el tr\u00e1mite que le dio a su petici\u00f3n, se\u00f1al\u00e1ndole si la documentaci\u00f3n que alleg\u00f3 est\u00e1 completa, y ...<br \/><div class=\"pt-cv-rmwrap\"><a href=\"https:\/\/www.dmsjuridica.com\/buscador_20179478954\/corteconstitucionalcronologico202454587\/t-1017-04\/\" class=\"_self pt-cv-readmore btn btn-success\" target=\"_self\">Ver Sentencia Completa...<\/a><\/div><\/div><\/div><\/div>\n<div class=\"col-md-12 col-sm-12 col-xs-12 pt-cv-content-item pt-cv-1-col\" ><div class='pt-cv-ifield'><a href=\"https:\/\/www.dmsjuridica.com\/buscador_20179478954\/corteconstitucionalcronologico202454587\/t-1015-04\/\" class=\"_self pt-cv-href-thumbnail pt-cv-thumb-default\" target=\"_self\" ><\/a>\n<div class=\"pt-cv-taxoterm above_title\"><a href='https:\/\/www.dmsjuridica.com\/buscador_20179478954\/corteconstitucionalcronologico202454587\/category\/buscar-en-toda-la-corte\/2004\/tutelas-2004\/' title='Tutelas 2004' class='pt-cv-tax-tutelas-2004'>Tutelas 2004<\/a><\/div>\n<h4 class=\"pt-cv-title\"><a href=\"https:\/\/www.dmsjuridica.com\/buscador_20179478954\/corteconstitucionalcronologico202454587\/t-1015-04\/\" class=\"_self\" target=\"_self\" >T-1015-04<\/a><\/h4>\n<div class=\"pt-cv-content\">\u00a0 \u00a0 Sentencia T-1015\/04 \u00a0 ACCION DE TUTELA CONTRA PARTICULARES-Cuando su conducta omisiva afecte grave y directamente a quien se halle en estado de indefensi\u00f3n o subordinaci\u00f3n \u00a0 En relaci\u00f3n con las personas sujetas al r\u00e9gimen de propiedad horizontal la Corte ha sostenido que es procedente la acci\u00f3n de tutela cuando prima facie se evidencia la vulneraci\u00f3n de los derechos fundamentales por parte de los \u00f3rganos de administraci\u00f3n de los conjuntos o edificios o se presenta una limitaci\u00f3n arbitraria a esos derechos, cuando los dem\u00e1s mecanismos judiciales resultan ineficaces y \u201ccuando las decisiones de la administraci\u00f3n o asamblea impiden las ...<br \/><div class=\"pt-cv-rmwrap\"><a href=\"https:\/\/www.dmsjuridica.com\/buscador_20179478954\/corteconstitucionalcronologico202454587\/t-1015-04\/\" class=\"_self pt-cv-readmore btn btn-success\" target=\"_self\">Ver Sentencia Completa...<\/a><\/div><\/div><\/div><\/div>\n<div class=\"col-md-12 col-sm-12 col-xs-12 pt-cv-content-item pt-cv-1-col\" ><div class='pt-cv-ifield'><a href=\"https:\/\/www.dmsjuridica.com\/buscador_20179478954\/corteconstitucionalcronologico202454587\/t-1014-04\/\" class=\"_self pt-cv-href-thumbnail pt-cv-thumb-default\" target=\"_self\" ><\/a>\n<div class=\"pt-cv-taxoterm above_title\"><a href='https:\/\/www.dmsjuridica.com\/buscador_20179478954\/corteconstitucionalcronologico202454587\/category\/buscar-en-toda-la-corte\/2004\/tutelas-2004\/' title='Tutelas 2004' class='pt-cv-tax-tutelas-2004'>Tutelas 2004<\/a><\/div>\n<h4 class=\"pt-cv-title\"><a href=\"https:\/\/www.dmsjuridica.com\/buscador_20179478954\/corteconstitucionalcronologico202454587\/t-1014-04\/\" class=\"_self\" target=\"_self\" >T-1014-04<\/a><\/h4>\n<div class=\"pt-cv-content\">\u00a0 \u00a0 Sentencia T-1014\/04 \u00a0 ACCION DE TUTELA CONTRA PARTICULARES-Cuando su conducta omisiva afecte grave y directamente a quien se halle en estado de indefensi\u00f3n o subordinaci\u00f3n \u00a0 SUBORDINACION E INDEFENSION-Conceptos\u00a0 \u00a0 Sobre el concepto de subordinaci\u00f3n la jurisprudencia ha manifestado que alude a la existencia de una relaci\u00f3n jur\u00eddica de dependencia que puede tener diversas manifestaciones, como aquella que surge del v\u00ednculo de trabajo en cualquiera de sus formas o de la relaci\u00f3n existente entre los estudiantes con los profesores. Por su parte, la indefensi\u00f3n tiene un car\u00e1cter f\u00e1ctico, que se presenta cuando la persona se encuentra indefensa, en ...<br \/><div class=\"pt-cv-rmwrap\"><a href=\"https:\/\/www.dmsjuridica.com\/buscador_20179478954\/corteconstitucionalcronologico202454587\/t-1014-04\/\" class=\"_self pt-cv-readmore btn btn-success\" target=\"_self\">Ver Sentencia Completa...<\/a><\/div><\/div><\/div><\/div>\n<div class=\"col-md-12 col-sm-12 col-xs-12 pt-cv-content-item pt-cv-1-col\" ><div class='pt-cv-ifield'><a href=\"https:\/\/www.dmsjuridica.com\/buscador_20179478954\/corteconstitucionalcronologico202454587\/t-1013-04\/\" class=\"_self pt-cv-href-thumbnail pt-cv-thumb-default\" target=\"_self\" ><\/a>\n<div class=\"pt-cv-taxoterm above_title\"><a href='https:\/\/www.dmsjuridica.com\/buscador_20179478954\/corteconstitucionalcronologico202454587\/category\/buscar-en-toda-la-corte\/2004\/tutelas-2004\/' title='Tutelas 2004' class='pt-cv-tax-tutelas-2004'>Tutelas 2004<\/a><\/div>\n<h4 class=\"pt-cv-title\"><a href=\"https:\/\/www.dmsjuridica.com\/buscador_20179478954\/corteconstitucionalcronologico202454587\/t-1013-04\/\" class=\"_self\" target=\"_self\" >T-1013-04<\/a><\/h4>\n<div class=\"pt-cv-content\">\u00a0 \u00a0 Sentencia T-1013\/04 \u00a0 DERECHO DE PETICION-Fundamental\u00a0 \u00a0 DERECHO DE PETICION EN MATERIA PENSIONAL-Reglas\u00a0 \u00a0 Esta Corporaci\u00f3n ha fijado las reglas que deben tener en cuenta todos los operadores jur\u00eddicos al aplicar este derecho fundamental, las cuales se encuentran, entre otras, en la sentencia T-1160 A de 2001, Magistrado Ponente Manuel Jos\u00e9 Cepeda Espinosa, cuyo contenido se reitera en esta providencia. En lo que respecta al derecho de petici\u00f3n en materia pensional, esto es aquellas solicitudes orientadas a tramitar su reconocimiento, reliquidaci\u00f3n o pago, la Corte, con ocasi\u00f3n de la dis\u00edmil aplicaci\u00f3n de las normas que regulan estos temas, ...<br \/><div class=\"pt-cv-rmwrap\"><a href=\"https:\/\/www.dmsjuridica.com\/buscador_20179478954\/corteconstitucionalcronologico202454587\/t-1013-04\/\" class=\"_self pt-cv-readmore btn btn-success\" target=\"_self\">Ver Sentencia Completa...<\/a><\/div><\/div><\/div><\/div>\n<div class=\"col-md-12 col-sm-12 col-xs-12 pt-cv-content-item pt-cv-1-col\" ><div class='pt-cv-ifield'><a href=\"https:\/\/www.dmsjuridica.com\/buscador_20179478954\/corteconstitucionalcronologico202454587\/t-1012-04\/\" class=\"_self pt-cv-href-thumbnail pt-cv-thumb-default\" target=\"_self\" ><\/a>\n<div class=\"pt-cv-taxoterm above_title\"><a href='https:\/\/www.dmsjuridica.com\/buscador_20179478954\/corteconstitucionalcronologico202454587\/category\/buscar-en-toda-la-corte\/2004\/tutelas-2004\/' title='Tutelas 2004' class='pt-cv-tax-tutelas-2004'>Tutelas 2004<\/a><\/div>\n<h4 class=\"pt-cv-title\"><a href=\"https:\/\/www.dmsjuridica.com\/buscador_20179478954\/corteconstitucionalcronologico202454587\/t-1012-04\/\" class=\"_self\" target=\"_self\" >T-1012-04<\/a><\/h4>\n<div class=\"pt-cv-content\">\u00a0 \u00a0 Sentencia T-1012\/04 \u00a0 ACCION DE TUTELA-Procedencia excepcional por obligaciones dinerarias \u00a0 Sin desconocer el car\u00e1cter subsidiario y residual de la acci\u00f3n de tutela, i) la adopci\u00f3n de una forma de Estado fundado en el respecto de la dignidad humana, en el trabajo y en la solidaridad; ii) el establecimiento de unas autoridades para proteger a todas las personas en su vida, honra, bienes, creencias y libertades; y iii) la obligaci\u00f3n del Estado de promover las condiciones para que la igualdad prevista en la Carta Pol\u00edtica sea real y efectiva, de manera que las personas afectadas con limitaciones reciban ...<br \/><div class=\"pt-cv-rmwrap\"><a href=\"https:\/\/www.dmsjuridica.com\/buscador_20179478954\/corteconstitucionalcronologico202454587\/t-1012-04\/\" class=\"_self pt-cv-readmore btn btn-success\" target=\"_self\">Ver Sentencia Completa...<\/a><\/div><\/div><\/div><\/div>\n<div class=\"col-md-12 col-sm-12 col-xs-12 pt-cv-content-item pt-cv-1-col\" ><div class='pt-cv-ifield'><a href=\"https:\/\/www.dmsjuridica.com\/buscador_20179478954\/corteconstitucionalcronologico202454587\/t-1011-04\/\" class=\"_self pt-cv-href-thumbnail pt-cv-thumb-default\" target=\"_self\" ><\/a>\n<div class=\"pt-cv-taxoterm above_title\"><a href='https:\/\/www.dmsjuridica.com\/buscador_20179478954\/corteconstitucionalcronologico202454587\/category\/buscar-en-toda-la-corte\/2004\/tutelas-2004\/' title='Tutelas 2004' class='pt-cv-tax-tutelas-2004'>Tutelas 2004<\/a><\/div>\n<h4 class=\"pt-cv-title\"><a href=\"https:\/\/www.dmsjuridica.com\/buscador_20179478954\/corteconstitucionalcronologico202454587\/t-1011-04\/\" class=\"_self\" target=\"_self\" >T-1011-04<\/a><\/h4>\n<div class=\"pt-cv-content\">\u00a0 \u00a0 Sentencia T-1011\/04 \u00a0 ACCION DE TUTELA-Improcedencia por reconocimiento de pensiones de jubilaci\u00f3n\u00a0 \u00a0 ACCION DE TUTELA-Improcedencia por no ejercicio oportuno de mecanismo de defensa judicial\/ACCION DE TUTELA-No es un recurso adicional \u00a0 DERECHO A LA PENSION DE VEJEZ-Mora patronal en pago de aportes \u00a0 DERECHO A LA SEGURIDAD SOCIAL-Responsabilidad del empleador por mora en aportes \u00a0 ENTIDAD ADMINISTRADORA DE PENSIONES-Vigila que patrono cumpla obligaci\u00f3n de efectuar cotizaci\u00f3n y traslado de dinero \u00a0 ENTIDAD ADMINISTRADORA DE PENSIONES-Debe ejercer los mecanismos para el cobro de los intereses adeudados\u00a0 \u00a0 En el caso sometido a examen la conducta asumida por el ...<br \/><div class=\"pt-cv-rmwrap\"><a href=\"https:\/\/www.dmsjuridica.com\/buscador_20179478954\/corteconstitucionalcronologico202454587\/t-1011-04\/\" class=\"_self pt-cv-readmore btn btn-success\" target=\"_self\">Ver Sentencia Completa...<\/a><\/div><\/div><\/div><\/div>\n<div class=\"col-md-12 col-sm-12 col-xs-12 pt-cv-content-item pt-cv-1-col\" ><div class='pt-cv-ifield'><a href=\"https:\/\/www.dmsjuridica.com\/buscador_20179478954\/corteconstitucionalcronologico202454587\/t-1010-04\/\" class=\"_self pt-cv-href-thumbnail pt-cv-thumb-default\" target=\"_self\" ><\/a>\n<div class=\"pt-cv-taxoterm above_title\"><a href='https:\/\/www.dmsjuridica.com\/buscador_20179478954\/corteconstitucionalcronologico202454587\/category\/buscar-en-toda-la-corte\/2004\/tutelas-2004\/' title='Tutelas 2004' class='pt-cv-tax-tutelas-2004'>Tutelas 2004<\/a><\/div>\n<h4 class=\"pt-cv-title\"><a href=\"https:\/\/www.dmsjuridica.com\/buscador_20179478954\/corteconstitucionalcronologico202454587\/t-1010-04\/\" class=\"_self\" target=\"_self\" >T-1010-04<\/a><\/h4>\n<div class=\"pt-cv-content\">\u00a0 \u00a0 Sentencia T-1010\/04 \u00a0 LICENCIA DE MATERNIDAD-Procedencia excepcional de tutela para el pago\u00a0 \u00a0 LICENCIA DE MATERNIDAD-Plazo hasta de un a\u00f1o para reclamar por tutela \u00a0 LICENCIA DE MATERNIDAD-Pago por allanamiento a la mora por EPS \u00a0 Referencias: T-956011, T-960844, T-963248, T-956253, T-958998 y \u00a0T-963297 \u00a0 Peticionarias: Lida Mar\u00eda Gil Henao y otras \u00a0 Accionadas: Susalud E.P.S. y otras \u00a0 Magistrado Ponente:\u00a0 \u00a0 Dr. MARCO GERARDO MONROY CABRA \u00a0 Bogot\u00e1 D. C., \u00a0catorce \u00a0(14) \u00a0de octubre de dos mil cuatro (2004) \u00a0 La Sala Sexta de la Corte Constitucional, integrada por los Magistrados Humberto Sierra Porto, \u00c1lvaro Tafur Galvis ...<br \/><div class=\"pt-cv-rmwrap\"><a href=\"https:\/\/www.dmsjuridica.com\/buscador_20179478954\/corteconstitucionalcronologico202454587\/t-1010-04\/\" class=\"_self pt-cv-readmore btn btn-success\" target=\"_self\">Ver Sentencia Completa...<\/a><\/div><\/div><\/div><\/div>\n<div class=\"col-md-12 col-sm-12 col-xs-12 pt-cv-content-item pt-cv-1-col\" ><div class='pt-cv-ifield'><a href=\"https:\/\/www.dmsjuridica.com\/buscador_20179478954\/corteconstitucionalcronologico202454587\/t-1009-04\/\" class=\"_self pt-cv-href-thumbnail pt-cv-thumb-default\" target=\"_self\" ><\/a>\n<div class=\"pt-cv-taxoterm above_title\"><a href='https:\/\/www.dmsjuridica.com\/buscador_20179478954\/corteconstitucionalcronologico202454587\/category\/buscar-en-toda-la-corte\/2004\/tutelas-2004\/' title='Tutelas 2004' class='pt-cv-tax-tutelas-2004'>Tutelas 2004<\/a><\/div>\n<h4 class=\"pt-cv-title\"><a href=\"https:\/\/www.dmsjuridica.com\/buscador_20179478954\/corteconstitucionalcronologico202454587\/t-1009-04\/\" class=\"_self\" target=\"_self\" >T-1009-04<\/a><\/h4>\n<div class=\"pt-cv-content\">\u00a0 \u00a0 Sentencia T-1009\/04 \u00a0 MUJER EMBARAZADA-Protecci\u00f3n constitucional especial \u00a0 LICENCIA DE MATERNIDAD-Procedencia excepcional de tutela para el pago \u00a0 LICENCIA DE MATERNIDAD-Pago por tutela cuando afecta el m\u00ednimo vital de la madre y su hijo \u00a0 LICENCIA DE MATERNIDAD-Ampliaci\u00f3n del t\u00e9rmino al primer a\u00f1o de vida del ni\u00f1o para presentar la tutela \u00a0 Para que los derechos fundamentales al m\u00ednimo vital, salud y seguridad social de la madre y el menor no se vean afectados por el no pago de la licencia de maternidad por parte de las E.P.S., \u00e9stos pueden ser protegidos mediante la acci\u00f3n de tutela, la ...<br \/><div class=\"pt-cv-rmwrap\"><a href=\"https:\/\/www.dmsjuridica.com\/buscador_20179478954\/corteconstitucionalcronologico202454587\/t-1009-04\/\" class=\"_self pt-cv-readmore btn btn-success\" target=\"_self\">Ver Sentencia Completa...<\/a><\/div><\/div><\/div><\/div>\n<div class=\"col-md-12 col-sm-12 col-xs-12 pt-cv-content-item pt-cv-1-col\" ><div class='pt-cv-ifield'><a href=\"https:\/\/www.dmsjuridica.com\/buscador_20179478954\/corteconstitucionalcronologico202454587\/t-1008-04\/\" class=\"_self pt-cv-href-thumbnail pt-cv-thumb-default\" target=\"_self\" ><\/a>\n<div class=\"pt-cv-taxoterm above_title\"><a href='https:\/\/www.dmsjuridica.com\/buscador_20179478954\/corteconstitucionalcronologico202454587\/category\/buscar-en-toda-la-corte\/2004\/tutelas-2004\/' title='Tutelas 2004' class='pt-cv-tax-tutelas-2004'>Tutelas 2004<\/a><\/div>\n<h4 class=\"pt-cv-title\"><a href=\"https:\/\/www.dmsjuridica.com\/buscador_20179478954\/corteconstitucionalcronologico202454587\/t-1008-04\/\" class=\"_self\" target=\"_self\" >T-1008-04<\/a><\/h4>\n<div class=\"pt-cv-content\">\u00a0 \u00a0 Sentencia T-1008\/04 \u00a0 DERECHOS FUNDAMENTALES DEL NI\u00d1O-Prevalencia \u00a0 DERECHO A LA SALUD DEL MENOR-Fundamental Aut\u00f3nomo \u00a0 SECRETARIA DE SALUD-Debe adelantar diligencias necesarias con el fin de informar la situaci\u00f3n administrativa de las afiliaciones. \u00a0 ENTIDAD PROMOTORA DE SALUD-No puede trasladar la carga al mas d\u00e9bil m\u00e1s cuando \u00e9sta es producida por la administraci\u00f3n municipal \u00a0 Optar por incluir una simple advertencia para que el actor acudiera a Selvasalud EPS a solicitar lo que necesitaba el menor, al entender de la Sala, no hace m\u00e1s que prolongar innecesaria e inconstitucionalmente el per\u00edodo de desatenci\u00f3n material del menor, obligando a ...<br \/><div class=\"pt-cv-rmwrap\"><a href=\"https:\/\/www.dmsjuridica.com\/buscador_20179478954\/corteconstitucionalcronologico202454587\/t-1008-04\/\" class=\"_self pt-cv-readmore btn btn-success\" target=\"_self\">Ver Sentencia Completa...<\/a><\/div><\/div><\/div><\/div>\n<div class=\"col-md-12 col-sm-12 col-xs-12 pt-cv-content-item pt-cv-1-col\" ><div class='pt-cv-ifield'><a href=\"https:\/\/www.dmsjuridica.com\/buscador_20179478954\/corteconstitucionalcronologico202454587\/t-1007-04\/\" class=\"_self pt-cv-href-thumbnail pt-cv-thumb-default\" target=\"_self\" ><\/a>\n<div class=\"pt-cv-taxoterm above_title\"><a href='https:\/\/www.dmsjuridica.com\/buscador_20179478954\/corteconstitucionalcronologico202454587\/category\/buscar-en-toda-la-corte\/2004\/tutelas-2004\/' title='Tutelas 2004' class='pt-cv-tax-tutelas-2004'>Tutelas 2004<\/a><\/div>\n<h4 class=\"pt-cv-title\"><a href=\"https:\/\/www.dmsjuridica.com\/buscador_20179478954\/corteconstitucionalcronologico202454587\/t-1007-04\/\" class=\"_self\" target=\"_self\" >T-1007-04<\/a><\/h4>\n<div class=\"pt-cv-content\">\u00a0 \u00a0 Sentencia T-1007\/04 \u00a0 DERECHO A LA PENSION DE INVALIDEZ-Fundamental por conexidad \u00a0 La jurisprudencia de esta Corporaci\u00f3n ha venido sosteniendo que la pensi\u00f3n de invalidez constituye un derecho irrenunciable que est\u00e1 dirigido a garantizar la supervivencia de las personas que sufren una disminuci\u00f3n parcial o total de su capacidad laboral por razones ajenas a su voluntad. \u00a0Por esta raz\u00f3n, el derecho a recibir esta pensi\u00f3n puede adquirir el rango de fundamental, cuando se encuentre directamente relacionado con derechos que ostenten tal car\u00e1cter. \u00a0 JUNTA DE CALIFICACION DE INVALIDEZ-Definici\u00f3n y objeto\u00a0 \u00a0 Las juntas de calificaci\u00f3n de invalidez son ...<br \/><div class=\"pt-cv-rmwrap\"><a href=\"https:\/\/www.dmsjuridica.com\/buscador_20179478954\/corteconstitucionalcronologico202454587\/t-1007-04\/\" class=\"_self pt-cv-readmore btn btn-success\" target=\"_self\">Ver Sentencia Completa...<\/a><\/div><\/div><\/div><\/div>\n<div class=\"col-md-12 col-sm-12 col-xs-12 pt-cv-content-item pt-cv-1-col\" ><div class='pt-cv-ifield'><a href=\"https:\/\/www.dmsjuridica.com\/buscador_20179478954\/corteconstitucionalcronologico202454587\/t-1006-04\/\" class=\"_self pt-cv-href-thumbnail pt-cv-thumb-default\" target=\"_self\" ><\/a>\n<div class=\"pt-cv-taxoterm above_title\"><a href='https:\/\/www.dmsjuridica.com\/buscador_20179478954\/corteconstitucionalcronologico202454587\/category\/buscar-en-toda-la-corte\/2004\/tutelas-2004\/' title='Tutelas 2004' class='pt-cv-tax-tutelas-2004'>Tutelas 2004<\/a><\/div>\n<h4 class=\"pt-cv-title\"><a href=\"https:\/\/www.dmsjuridica.com\/buscador_20179478954\/corteconstitucionalcronologico202454587\/t-1006-04\/\" class=\"_self\" target=\"_self\" >T-1006-04<\/a><\/h4>\n<div class=\"pt-cv-content\">\u00a0 \u00a0 Sentencia T-1006\/04 \u00a0 NOTA DE RELATORIA: ESTA SENTENCIA FUE ANULADA MEDIANTE AUTO 054 DE 15 DE FEBRERO DE 2006 DE SALA PLENA. \u00a0 ACCION DE TUTELA CONTRA PROVIDENCIAS JUDICIALES-Procedencia \u00a0 Para alegar la procedencia de la acci\u00f3n de tutela es necesario demostrar, no s\u00f3lo que el funcionario judicial incurri\u00f3 en una v\u00eda de hecho, sino adem\u00e1s que con su actuaci\u00f3n vulner\u00f3 un derecho fundamental y la inexistencia e ineficacia de los recursos ordinarios y extraordinarios, o de los mecanismos previstos por el legislador para prevenir las posibles anomal\u00edas que se susciten en el curso de un proceso. Entonces, ...<br \/><div class=\"pt-cv-rmwrap\"><a href=\"https:\/\/www.dmsjuridica.com\/buscador_20179478954\/corteconstitucionalcronologico202454587\/t-1006-04\/\" class=\"_self pt-cv-readmore btn btn-success\" target=\"_self\">Ver Sentencia Completa...<\/a><\/div><\/div><\/div><\/div>\n<div class=\"col-md-12 col-sm-12 col-xs-12 pt-cv-content-item pt-cv-1-col\" ><div class='pt-cv-ifield'><a href=\"https:\/\/www.dmsjuridica.com\/buscador_20179478954\/corteconstitucionalcronologico202454587\/t-1005-04\/\" class=\"_self pt-cv-href-thumbnail pt-cv-thumb-default\" target=\"_self\" ><\/a>\n<div class=\"pt-cv-taxoterm above_title\"><a href='https:\/\/www.dmsjuridica.com\/buscador_20179478954\/corteconstitucionalcronologico202454587\/category\/buscar-en-toda-la-corte\/2004\/tutelas-2004\/' title='Tutelas 2004' class='pt-cv-tax-tutelas-2004'>Tutelas 2004<\/a><\/div>\n<h4 class=\"pt-cv-title\"><a href=\"https:\/\/www.dmsjuridica.com\/buscador_20179478954\/corteconstitucionalcronologico202454587\/t-1005-04\/\" class=\"_self\" target=\"_self\" >T-1005-04<\/a><\/h4>\n<div class=\"pt-cv-content\">\u00a0 \u00a0 Sentencia T-1005\/04 \u00a0 DERECHO A LA SALUD MENTAL-Fundamental por conexidad con la vida \u00a0 DERECHO A LA SALUD DEL DISMINUIDO FISICO Y PSIQUICO-Rehabilitaci\u00f3n e integraci\u00f3n social por el Estado garantizando una vida digna\u00a0 \u00a0 DERECHO A LA SALUD MENTAL-Suministro de medicamentos para estado depresivo excluidos del POS. \u00a0 PRESUNCION DE INCAPACIDAD ECONOMICA EN SALUD-Negaci\u00f3n indefinida imposible de probar \u00a0 DERECHO A LA SALUD, DERECHO A LA VIDA Y DERECHO A LA INTEGRIDAD PERSONAL-Recuperaci\u00f3n del equilibrio emocional, psicol\u00f3gico y mental.\u00a0 \u00a0 Referencia: expediente T-948762 \u00a0 Acci\u00f3n de tutela del se\u00f1or \u00a0Jaime Alberto Esguerra, contra el Instituto de los Seguros ...<br \/><div class=\"pt-cv-rmwrap\"><a href=\"https:\/\/www.dmsjuridica.com\/buscador_20179478954\/corteconstitucionalcronologico202454587\/t-1005-04\/\" class=\"_self pt-cv-readmore btn btn-success\" target=\"_self\">Ver Sentencia Completa...<\/a><\/div><\/div><\/div><\/div>\n<div class=\"col-md-12 col-sm-12 col-xs-12 pt-cv-content-item pt-cv-1-col\" ><div class='pt-cv-ifield'><a href=\"https:\/\/www.dmsjuridica.com\/buscador_20179478954\/corteconstitucionalcronologico202454587\/t-1004-04\/\" class=\"_self pt-cv-href-thumbnail pt-cv-thumb-default\" target=\"_self\" ><\/a>\n<div class=\"pt-cv-taxoterm above_title\"><a href='https:\/\/www.dmsjuridica.com\/buscador_20179478954\/corteconstitucionalcronologico202454587\/category\/buscar-en-toda-la-corte\/2004\/tutelas-2004\/' title='Tutelas 2004' class='pt-cv-tax-tutelas-2004'>Tutelas 2004<\/a><\/div>\n<h4 class=\"pt-cv-title\"><a href=\"https:\/\/www.dmsjuridica.com\/buscador_20179478954\/corteconstitucionalcronologico202454587\/t-1004-04\/\" class=\"_self\" target=\"_self\" >T-1004-04<\/a><\/h4>\n<div class=\"pt-cv-content\">\u00a0 \u00a0 Sentencia T-1004\/04 \u00a0 ACCION DE TUTELA CONTRA PROVIDENCIAS DE LA CORTE SUPREMA DE JUSTICIA-Consejo Superior de la Judicatura carece de competencia \u00a0 ACCION DE TUTELA CONTRA PROVIDENCIAS DE LA CORTE SUPREMA DE JUSTICIA-Revisi\u00f3n de estas providencias corresponde a la Corte Constitucional\u00a0 \u00a0 Toda solicitud de tutela, debe recibir el tr\u00e1mite que la Constituci\u00f3n y la ley han establecido para este instrumento de protecci\u00f3n de los derechos constitucionales fundamentales, tr\u00e1mite conforme al cual toda providencia que de manera definitiva resuelva sobre una solicitud de amparo \u00a0constitucional debe ser remitida a la Corte Constitucional \u00a0para su eventual revisi\u00f3n. \u00a0 ACCION ...<br \/><div class=\"pt-cv-rmwrap\"><a href=\"https:\/\/www.dmsjuridica.com\/buscador_20179478954\/corteconstitucionalcronologico202454587\/t-1004-04\/\" class=\"_self pt-cv-readmore btn btn-success\" target=\"_self\">Ver Sentencia Completa...<\/a><\/div><\/div><\/div><\/div>\n<div class=\"col-md-12 col-sm-12 col-xs-12 pt-cv-content-item pt-cv-1-col\" ><div class='pt-cv-ifield'><a href=\"https:\/\/www.dmsjuridica.com\/buscador_20179478954\/corteconstitucionalcronologico202454587\/t-099-04\/\" class=\"_self pt-cv-href-thumbnail pt-cv-thumb-default\" target=\"_self\" ><\/a>\n<div class=\"pt-cv-taxoterm above_title\"><a href='https:\/\/www.dmsjuridica.com\/buscador_20179478954\/corteconstitucionalcronologico202454587\/category\/buscar-en-toda-la-corte\/2004\/tutelas-2004\/' title='Tutelas 2004' class='pt-cv-tax-tutelas-2004'>Tutelas 2004<\/a><\/div>\n<h4 class=\"pt-cv-title\"><a href=\"https:\/\/www.dmsjuridica.com\/buscador_20179478954\/corteconstitucionalcronologico202454587\/t-099-04\/\" class=\"_self\" target=\"_self\" >T-099-04<\/a><\/h4>\n<div class=\"pt-cv-content\">\u00a0 \u00a0 Sentencia T-099\/04 \u00a0 DERECHO DE PETICION-Alcance\/DERECHO DE PETICION-N\u00facleo esencial \u00a0 DERECHO DE PETICION-Requisitos de la respuesta \u00a0 DERECHO DE PETICION EN MATERIA PENSIONAL-T\u00e9rminos para resolver \u00a0 DERECHO DE PETICION-Omisi\u00f3n de Cajanal en responder en el t\u00e9rmino se\u00f1alado \u00a0 JUEZ DE TUTELA-Carece de competencia para reconocer pensiones\/JUEZ DE TUTELA-Verificaci\u00f3n t\u00e9rminos para responder peticiones \u00a0 La definici\u00f3n de la titularidad y el reconocimiento de una pensi\u00f3n ante la administraci\u00f3n, constituye en principio un asunto ajeno al \u00e1mbito de la jurisdicci\u00f3n constitucional en sede de tutela. La competencia del juez de tutela se limita a verificar si los t\u00e9rminos establecidos legalmente ...<br \/><div class=\"pt-cv-rmwrap\"><a href=\"https:\/\/www.dmsjuridica.com\/buscador_20179478954\/corteconstitucionalcronologico202454587\/t-099-04\/\" class=\"_self pt-cv-readmore btn btn-success\" target=\"_self\">Ver Sentencia Completa...<\/a><\/div><\/div><\/div><\/div>\n<div class=\"col-md-12 col-sm-12 col-xs-12 pt-cv-content-item pt-cv-1-col\" ><div class='pt-cv-ifield'><a href=\"https:\/\/www.dmsjuridica.com\/buscador_20179478954\/corteconstitucionalcronologico202454587\/t-098-04\/\" class=\"_self pt-cv-href-thumbnail pt-cv-thumb-default\" target=\"_self\" ><\/a>\n<div class=\"pt-cv-taxoterm above_title\"><a href='https:\/\/www.dmsjuridica.com\/buscador_20179478954\/corteconstitucionalcronologico202454587\/category\/buscar-en-toda-la-corte\/2004\/tutelas-2004\/' title='Tutelas 2004' class='pt-cv-tax-tutelas-2004'>Tutelas 2004<\/a><\/div>\n<h4 class=\"pt-cv-title\"><a href=\"https:\/\/www.dmsjuridica.com\/buscador_20179478954\/corteconstitucionalcronologico202454587\/t-098-04\/\" class=\"_self\" target=\"_self\" >T-098-04<\/a><\/h4>\n<div class=\"pt-cv-content\">\u00a0 \u00a0 Sentencia T-098\/04 \u00a0 ACCION DE TUTELA-Procedencia excepcional pago de acreencias laborales \u00a0 ACCION DE TUTELA-Procedencia excepcional para ordenar reconocimiento de cesant\u00edas parciales \u00a0 CESANTIAS PARCIALES-Reconocimiento no sujeto a disponibilidad presupuestal \u00a0 DERECHO DE PETICION EN CESANTIAS PARCIALES-Respuesta sobre reconocimiento no sujeto a disponibilidad presupuestal \u00a0 DERECHO DE PETICION-Pronta resoluci\u00f3n sobre reconocimiento de cesant\u00edas parciales\/DERECHO DE PETICION EN CESANTIAS PARCIALES-No resoluci\u00f3n no puede justificarse en falta de disponibilidad presupuestal \u00a0 El accionante ten\u00eda derecho, con base en el art\u00edculo 23 de la Constituci\u00f3n, a que la Administraci\u00f3n Judicial les resolviera sin demora, es decir, dentro de los t\u00e9rminos legales, ...<br \/><div class=\"pt-cv-rmwrap\"><a href=\"https:\/\/www.dmsjuridica.com\/buscador_20179478954\/corteconstitucionalcronologico202454587\/t-098-04\/\" class=\"_self pt-cv-readmore btn btn-success\" target=\"_self\">Ver Sentencia Completa...<\/a><\/div><\/div><\/div><\/div>\n<div class=\"col-md-12 col-sm-12 col-xs-12 pt-cv-content-item pt-cv-1-col\" ><div class='pt-cv-ifield'><a href=\"https:\/\/www.dmsjuridica.com\/buscador_20179478954\/corteconstitucionalcronologico202454587\/t-097-04\/\" class=\"_self pt-cv-href-thumbnail pt-cv-thumb-default\" target=\"_self\" ><\/a>\n<div class=\"pt-cv-taxoterm above_title\"><a href='https:\/\/www.dmsjuridica.com\/buscador_20179478954\/corteconstitucionalcronologico202454587\/category\/buscar-en-toda-la-corte\/2004\/tutelas-2004\/' title='Tutelas 2004' class='pt-cv-tax-tutelas-2004'>Tutelas 2004<\/a><\/div>\n<h4 class=\"pt-cv-title\"><a href=\"https:\/\/www.dmsjuridica.com\/buscador_20179478954\/corteconstitucionalcronologico202454587\/t-097-04\/\" class=\"_self\" target=\"_self\" >T-097-04<\/a><\/h4>\n<div class=\"pt-cv-content\">\u00a0 \u00a0 Sentencia T-097\/04 \u00a0 ACCION DE TUTELA-Procedencia excepcional pago de subsidio familiar \u00a0 SUBSIDIO FAMILIAR-Definici\u00f3n\/SUBSIDIO FAMILIAR-Naturaleza \u00a0 La Corte defini\u00f3 el concepto de subsidio familiar como un \u201cmecanismo de redistribuci\u00f3n del ingreso, en especial si se atiende a que el subsidio en dinero se reconoce al trabajador en raz\u00f3n de su carga familiar y de unos niveles de ingreso precarios, que le impiden atender en forma satisfactoria las necesidades m\u00e1s apremiantes en alimentaci\u00f3n, vestuario, educaci\u00f3n y alojamiento. \u00a0 DERECHO AL SUBSIDIO FAMILIAR DEL NI\u00d1O-Procedencia por tutela \u00a0 ACCION DE TUTELA-Hecho superado por pago del subsidio familiar \u00a0 Reiteraci\u00f3n de ...<br \/><div class=\"pt-cv-rmwrap\"><a href=\"https:\/\/www.dmsjuridica.com\/buscador_20179478954\/corteconstitucionalcronologico202454587\/t-097-04\/\" class=\"_self pt-cv-readmore btn btn-success\" target=\"_self\">Ver Sentencia Completa...<\/a><\/div><\/div><\/div><\/div>\n<div class=\"col-md-12 col-sm-12 col-xs-12 pt-cv-content-item pt-cv-1-col\" ><div class='pt-cv-ifield'><a href=\"https:\/\/www.dmsjuridica.com\/buscador_20179478954\/corteconstitucionalcronologico202454587\/t-096-04\/\" class=\"_self pt-cv-href-thumbnail pt-cv-thumb-default\" target=\"_self\" ><\/a>\n<div class=\"pt-cv-taxoterm above_title\"><a href='https:\/\/www.dmsjuridica.com\/buscador_20179478954\/corteconstitucionalcronologico202454587\/category\/buscar-en-toda-la-corte\/2004\/tutelas-2004\/' title='Tutelas 2004' class='pt-cv-tax-tutelas-2004'>Tutelas 2004<\/a><\/div>\n<h4 class=\"pt-cv-title\"><a href=\"https:\/\/www.dmsjuridica.com\/buscador_20179478954\/corteconstitucionalcronologico202454587\/t-096-04\/\" class=\"_self\" target=\"_self\" >T-096-04<\/a><\/h4>\n<div class=\"pt-cv-content\">\u00a0 \u00a0 Sentencia T-096\/04 \u00a0 ACCION DE TUTELA-Hecho superado por dictarse sentencia absolutoria \u00a0 Referencia: expediente T-762942 \u00a0 Acci\u00f3n de tutela instaurada por Flor de Mar\u00eda Morales Barrera contra el Juzgado Penal de Descongesti\u00f3n del Circuito Especializado de Buga.\u00a0 \u00a0 Magistrado Ponente \u00a0 Dr. JAIME ARA\u00daJO RENTER\u00cdA \u00a0 Bogot\u00e1, D. C., nueve (9) de febrero de dos mil cuatro (2004). \u00a0 La Sala Primera de revisi\u00f3n de la Corte Constitucional, en ejercicio de sus competencias constitucionales y legales, en particular las contenidas en los art\u00edculos 86 y 241, numeral 9, de la Constituci\u00f3n y el Decreto 2591 de 1991, ha ...<br \/><div class=\"pt-cv-rmwrap\"><a href=\"https:\/\/www.dmsjuridica.com\/buscador_20179478954\/corteconstitucionalcronologico202454587\/t-096-04\/\" class=\"_self pt-cv-readmore btn btn-success\" target=\"_self\">Ver Sentencia Completa...<\/a><\/div><\/div><\/div><\/div>\n<div class=\"col-md-12 col-sm-12 col-xs-12 pt-cv-content-item pt-cv-1-col\" ><div class='pt-cv-ifield'><a href=\"https:\/\/www.dmsjuridica.com\/buscador_20179478954\/corteconstitucionalcronologico202454587\/t-095-04\/\" class=\"_self pt-cv-href-thumbnail pt-cv-thumb-default\" target=\"_self\" ><\/a>\n<div class=\"pt-cv-taxoterm above_title\"><a href='https:\/\/www.dmsjuridica.com\/buscador_20179478954\/corteconstitucionalcronologico202454587\/category\/buscar-en-toda-la-corte\/2004\/tutelas-2004\/' title='Tutelas 2004' class='pt-cv-tax-tutelas-2004'>Tutelas 2004<\/a><\/div>\n<h4 class=\"pt-cv-title\"><a href=\"https:\/\/www.dmsjuridica.com\/buscador_20179478954\/corteconstitucionalcronologico202454587\/t-095-04\/\" class=\"_self\" target=\"_self\" >T-095-04<\/a><\/h4>\n<div class=\"pt-cv-content\">\u00a0 \u00a0 Sentencia T-095\/04 \u00a0 INAPLICACION DE NORMAS DEL PLAN OBLIGATORIO DE SALUD-Casos en que procede por exclusi\u00f3n de tratamientos y medicamentos de alto costo \u00a0 DERECHO A LA SALUD Y VIDA-Protecci\u00f3n\/DERECHO A LA SALUD Y VIDA-Pr\u00e1ctica de examen de diagn\u00f3stico por EPS \u00a0 DERECHO A LA SALUD-Incorpora el derecho al diagn\u00f3stico \u00a0 Reiteraci\u00f3n de Jurisprudencia \u00a0 Referencia: expediente T-795497 \u00a0 Acci\u00f3n de tutela instaurada por Luz Osmany Torres Puerta contra Coomeva E.P.S. \u00a0 Magistrado Ponente: \u00a0 Dr. JAIME ARA\u00daJO RENTER\u00cdA \u00a0 La Sala Primera de Revisi\u00f3n de la Corte Constitucional, en ejercicio de sus competencias constitucionales y legales, en ...<br \/><div class=\"pt-cv-rmwrap\"><a href=\"https:\/\/www.dmsjuridica.com\/buscador_20179478954\/corteconstitucionalcronologico202454587\/t-095-04\/\" class=\"_self pt-cv-readmore btn btn-success\" target=\"_self\">Ver Sentencia Completa...<\/a><\/div><\/div><\/div><\/div>\n<div class=\"col-md-12 col-sm-12 col-xs-12 pt-cv-content-item pt-cv-1-col\" ><div class='pt-cv-ifield'><a href=\"https:\/\/www.dmsjuridica.com\/buscador_20179478954\/corteconstitucionalcronologico202454587\/t-094-04\/\" class=\"_self pt-cv-href-thumbnail pt-cv-thumb-default\" target=\"_self\" ><\/a>\n<div class=\"pt-cv-taxoterm above_title\"><a href='https:\/\/www.dmsjuridica.com\/buscador_20179478954\/corteconstitucionalcronologico202454587\/category\/buscar-en-toda-la-corte\/2004\/tutelas-2004\/' title='Tutelas 2004' class='pt-cv-tax-tutelas-2004'>Tutelas 2004<\/a><\/div>\n<h4 class=\"pt-cv-title\"><a href=\"https:\/\/www.dmsjuridica.com\/buscador_20179478954\/corteconstitucionalcronologico202454587\/t-094-04\/\" class=\"_self\" target=\"_self\" >T-094-04<\/a><\/h4>\n<div class=\"pt-cv-content\">\u00a0 \u00a0 Sentencia T-094\/04 \u00a0 DERECHO A LA SALUD Y SEGURIDAD SOCIAL DEL NI\u00d1O-Fundamental prevalente\/INTERES SUPERIOR DEL MENOR-Protecci\u00f3n \u00a0 El car\u00e1cter fundamental y prevalente de los derechos a la salud y a la seguridad social de los ni\u00f1os se encuentra reconocido tanto en la Constituci\u00f3n Pol\u00edtica como en el derecho internacional. La Corte Constitucional, como garante del principio de la supremac\u00eda de la Constituci\u00f3n Pol\u00edtica, se ha pronunciado en m\u00faltiples decisiones sobre el car\u00e1cter fundamental y prevalente de los derechos fundamentales a la salud y a la seguridad social de los ni\u00f1os, y ha desarrollado el concepto constitucional de inter\u00e9s ...<br \/><div class=\"pt-cv-rmwrap\"><a href=\"https:\/\/www.dmsjuridica.com\/buscador_20179478954\/corteconstitucionalcronologico202454587\/t-094-04\/\" class=\"_self pt-cv-readmore btn btn-success\" target=\"_self\">Ver Sentencia Completa...<\/a><\/div><\/div><\/div><\/div>\n<div class=\"col-md-12 col-sm-12 col-xs-12 pt-cv-content-item pt-cv-1-col\" ><div class='pt-cv-ifield'><a href=\"https:\/\/www.dmsjuridica.com\/buscador_20179478954\/corteconstitucionalcronologico202454587\/t-093-04\/\" class=\"_self pt-cv-href-thumbnail pt-cv-thumb-default\" target=\"_self\" ><\/a>\n<div class=\"pt-cv-taxoterm above_title\"><a href='https:\/\/www.dmsjuridica.com\/buscador_20179478954\/corteconstitucionalcronologico202454587\/category\/buscar-en-toda-la-corte\/2004\/tutelas-2004\/' title='Tutelas 2004' class='pt-cv-tax-tutelas-2004'>Tutelas 2004<\/a><\/div>\n<h4 class=\"pt-cv-title\"><a href=\"https:\/\/www.dmsjuridica.com\/buscador_20179478954\/corteconstitucionalcronologico202454587\/t-093-04\/\" class=\"_self\" target=\"_self\" >T-093-04<\/a><\/h4>\n<div class=\"pt-cv-content\">\u00a0 \u00a0 Sentencia T-093\/04 \u00a0 Referencia: expediente T-822414 \u00a0 Acci\u00f3n de tutela instaurada por Teresa D\u00edaz de Mora en contra de la E.P.S. S\u00e1nitas de Bucaramanga. \u00a0 Magistrado Ponente: \u00a0 Dr. MANUEL JOSE CEPEDA ESPINOSA \u00a0 Bogot\u00e1, D. C., cinco (5) de febrero de dos mil cuatro (2004). \u00a0 La Sala Tercera de Revisi\u00f3n de la Corte Constitucional, integrada por los magistrados Manuel Jos\u00e9 Cepeda Espinosa, Jaime C\u00f3rdoba Trivi\u00f1o y Rodrigo Escobar Gil, en ejercicio de sus competencias constitucionales y legales, ha proferido la siguiente\u00a0 \u00a0 SENTENCIA \u00a0 en el proceso de revisi\u00f3n de la sentencia del ocho (8) de ...<br \/><div class=\"pt-cv-rmwrap\"><a href=\"https:\/\/www.dmsjuridica.com\/buscador_20179478954\/corteconstitucionalcronologico202454587\/t-093-04\/\" class=\"_self pt-cv-readmore btn btn-success\" target=\"_self\">Ver Sentencia Completa...<\/a><\/div><\/div><\/div><\/div>\n<div class=\"col-md-12 col-sm-12 col-xs-12 pt-cv-content-item pt-cv-1-col\" ><div class='pt-cv-ifield'><a href=\"https:\/\/www.dmsjuridica.com\/buscador_20179478954\/corteconstitucionalcronologico202454587\/t-092-04\/\" class=\"_self pt-cv-href-thumbnail pt-cv-thumb-default\" target=\"_self\" ><\/a>\n<div class=\"pt-cv-taxoterm above_title\"><a href='https:\/\/www.dmsjuridica.com\/buscador_20179478954\/corteconstitucionalcronologico202454587\/category\/buscar-en-toda-la-corte\/2004\/tutelas-2004\/' title='Tutelas 2004' class='pt-cv-tax-tutelas-2004'>Tutelas 2004<\/a><\/div>\n<h4 class=\"pt-cv-title\"><a href=\"https:\/\/www.dmsjuridica.com\/buscador_20179478954\/corteconstitucionalcronologico202454587\/t-092-04\/\" class=\"_self\" target=\"_self\" >T-092-04<\/a><\/h4>\n<div class=\"pt-cv-content\">\u00a0 \u00a0 Sentencia T-092\/04 \u00a0 DERECHO AL MINIMO VITAL DEL TRABAJADOR-Vulneraci\u00f3n por mora en pago de salarios\/DERECHO AL MINIMO VITAL DEL TRABAJADOR-Presunci\u00f3n de afectaci\u00f3n por ausencia prolongada en pago de salarios \u00a0 EMPLEADOR-Asunci\u00f3n de responsabilidad por mora en aportes a seguridad social \u00a0 Reiteraci\u00f3n de Jurisprudencia \u00a0 Referencia: expediente T-806392 \u00a0 Acci\u00f3n de tutela instaurada por Isaura Velasco contra el Fondo Mixto de Promoci\u00f3n de la Cultura y de las Artes de Cartagena de Indias \u00a0 Magistrado Ponente:\u00a0 \u00a0 Dr. MANUEL JOS\u00c9 CEPEDA ESPINOSA \u00a0 Bogot\u00e1, D. C., cinco (5) de febrero de dos mil cuatro (2004). \u00a0 1. Isaura ...<br \/><div class=\"pt-cv-rmwrap\"><a href=\"https:\/\/www.dmsjuridica.com\/buscador_20179478954\/corteconstitucionalcronologico202454587\/t-092-04\/\" class=\"_self pt-cv-readmore btn btn-success\" target=\"_self\">Ver Sentencia Completa...<\/a><\/div><\/div><\/div><\/div>\n<div class=\"col-md-12 col-sm-12 col-xs-12 pt-cv-content-item pt-cv-1-col\" ><div class='pt-cv-ifield'><a href=\"https:\/\/www.dmsjuridica.com\/buscador_20179478954\/corteconstitucionalcronologico202454587\/t-091-04\/\" class=\"_self pt-cv-href-thumbnail pt-cv-thumb-default\" target=\"_self\" ><\/a>\n<div class=\"pt-cv-taxoterm above_title\"><a href='https:\/\/www.dmsjuridica.com\/buscador_20179478954\/corteconstitucionalcronologico202454587\/category\/buscar-en-toda-la-corte\/2004\/tutelas-2004\/' title='Tutelas 2004' class='pt-cv-tax-tutelas-2004'>Tutelas 2004<\/a><\/div>\n<h4 class=\"pt-cv-title\"><a href=\"https:\/\/www.dmsjuridica.com\/buscador_20179478954\/corteconstitucionalcronologico202454587\/t-091-04\/\" class=\"_self\" target=\"_self\" >T-091-04<\/a><\/h4>\n<div class=\"pt-cv-content\">\u00a0 \u00a0 Sentencia T-091\/04 \u00a0 DERECHO DE PETICION-Requisitos de la respuesta \u00a0 DERECHO DE PETICION EN MATERIA PENSIONAL-T\u00e9rminos para resolver \u00a0 Reiteraci\u00f3n de Jurisprudencia \u00a0 Referencia: expedientes T-807151, T-807178, T-807759 y T-808174 \u00a0 Acci\u00f3n de tutela instaurada por Beatriz Campos y otros contra el Seguro Social \u00a0 Magistrado Ponente: \u00a0 Dr. MANUEL JOS\u00c9 CEPEDA ESPINOSA \u00a0 Bogot\u00e1, D. C., cinco (5) de febrero de dos mil cuatro (2004). \u00a0 La Sala Tercera de Revisi\u00f3n de la Corte Constitucional, en ejercicio de sus competencias constitucionales y legales, en particular las contenidas en los art\u00edculos 86 y 241, numeral 9, de la ...<br \/><div class=\"pt-cv-rmwrap\"><a href=\"https:\/\/www.dmsjuridica.com\/buscador_20179478954\/corteconstitucionalcronologico202454587\/t-091-04\/\" class=\"_self pt-cv-readmore btn btn-success\" target=\"_self\">Ver Sentencia Completa...<\/a><\/div><\/div><\/div><\/div>\n<div class=\"col-md-12 col-sm-12 col-xs-12 pt-cv-content-item pt-cv-1-col\" ><div class='pt-cv-ifield'><a href=\"https:\/\/www.dmsjuridica.com\/buscador_20179478954\/corteconstitucionalcronologico202454587\/t-090-04\/\" class=\"_self pt-cv-href-thumbnail pt-cv-thumb-default\" target=\"_self\" ><\/a>\n<div class=\"pt-cv-taxoterm above_title\"><a href='https:\/\/www.dmsjuridica.com\/buscador_20179478954\/corteconstitucionalcronologico202454587\/category\/buscar-en-toda-la-corte\/2004\/tutelas-2004\/' title='Tutelas 2004' class='pt-cv-tax-tutelas-2004'>Tutelas 2004<\/a><\/div>\n<h4 class=\"pt-cv-title\"><a href=\"https:\/\/www.dmsjuridica.com\/buscador_20179478954\/corteconstitucionalcronologico202454587\/t-090-04\/\" class=\"_self\" target=\"_self\" >T-090-04<\/a><\/h4>\n<div class=\"pt-cv-content\">\u00a0 \u00a0 Sentencia T-090\/04 \u00a0 ENTIDAD PROMOTORA DE SALUD-No se vulnera la salud por no garantizar la prestaci\u00f3n de un servicio m\u00e9dico que el paciente no requiere \u00a0 En modo alguno se puede considerar que una entidad vulnera el derecho a la salud de una persona por no garantizar a un paciente la prestaci\u00f3n de un servicio m\u00e9dico que los especialistas encargados de su caso recomiendan \u201cno realizarlo\u201d, precisamente en raz\u00f3n a su estado de salud. No obstante, si bien el tratamiento ordenado inicialmente por el m\u00e9dico tratante no es constitucionalmente urgente en este momento, si podr\u00eda serlo nuevamente en ...<br \/><div class=\"pt-cv-rmwrap\"><a href=\"https:\/\/www.dmsjuridica.com\/buscador_20179478954\/corteconstitucionalcronologico202454587\/t-090-04\/\" class=\"_self pt-cv-readmore btn btn-success\" target=\"_self\">Ver Sentencia Completa...<\/a><\/div><\/div><\/div><\/div>\n<div class=\"col-md-12 col-sm-12 col-xs-12 pt-cv-content-item pt-cv-1-col\" ><div class='pt-cv-ifield'><a href=\"https:\/\/www.dmsjuridica.com\/buscador_20179478954\/corteconstitucionalcronologico202454587\/t-089-04\/\" class=\"_self pt-cv-href-thumbnail pt-cv-thumb-default\" target=\"_self\" ><\/a>\n<div class=\"pt-cv-taxoterm above_title\"><a href='https:\/\/www.dmsjuridica.com\/buscador_20179478954\/corteconstitucionalcronologico202454587\/category\/buscar-en-toda-la-corte\/2004\/tutelas-2004\/' title='Tutelas 2004' class='pt-cv-tax-tutelas-2004'>Tutelas 2004<\/a><\/div>\n<h4 class=\"pt-cv-title\"><a href=\"https:\/\/www.dmsjuridica.com\/buscador_20179478954\/corteconstitucionalcronologico202454587\/t-089-04\/\" class=\"_self\" target=\"_self\" >T-089-04<\/a><\/h4>\n<div class=\"pt-cv-content\">\u00a0 \u00a0 Sentencia T-089\/04 \u00a0 DERECHO A LA SALUD Y VIDA-Amenaza por mora patronal en aportes a seguridad social \u00a0 EMPLEADOR-Consecuencias por no pago en aportes en salud \u00a0 ENTIDAD PROMOTORA DE SALUD-Cobro coactivo por mora patronal\u00a0 \u00a0 Es obligaci\u00f3n de las EPS cobrar los aportes patronales. Las EPS tienen la posibilidad de establecer el cobro coactivo para hacer efectivas sus acreencias derivadas de la mora patronal. Por ende, las EPS cuentan con los instrumentos para cobrar los aportes y tienen el deber jur\u00eddico de administrar eficientemente los recursos, como quiera que el principio de eficiencia, especialmente consagrado para la ...<br \/><div class=\"pt-cv-rmwrap\"><a href=\"https:\/\/www.dmsjuridica.com\/buscador_20179478954\/corteconstitucionalcronologico202454587\/t-089-04\/\" class=\"_self pt-cv-readmore btn btn-success\" target=\"_self\">Ver Sentencia Completa...<\/a><\/div><\/div><\/div><\/div>\n<div class=\"col-md-12 col-sm-12 col-xs-12 pt-cv-content-item pt-cv-1-col\" ><div class='pt-cv-ifield'><a href=\"https:\/\/www.dmsjuridica.com\/buscador_20179478954\/corteconstitucionalcronologico202454587\/t-088-04\/\" class=\"_self pt-cv-href-thumbnail pt-cv-thumb-default\" target=\"_self\" ><\/a>\n<div class=\"pt-cv-taxoterm above_title\"><a href='https:\/\/www.dmsjuridica.com\/buscador_20179478954\/corteconstitucionalcronologico202454587\/category\/buscar-en-toda-la-corte\/2004\/tutelas-2004\/' title='Tutelas 2004' class='pt-cv-tax-tutelas-2004'>Tutelas 2004<\/a><\/div>\n<h4 class=\"pt-cv-title\"><a href=\"https:\/\/www.dmsjuridica.com\/buscador_20179478954\/corteconstitucionalcronologico202454587\/t-088-04\/\" class=\"_self\" target=\"_self\" >T-088-04<\/a><\/h4>\n<div class=\"pt-cv-content\">\u00a0 \u00a0 Sentencia T-088\/04 \u00a0 CONTROVERSIA CONTRACTUAL-Acceso, uso e interconexi\u00f3n de redes de telecomunicaciones entre ETTEL y ORBITEL\/CONTROVERSIA CONTRACTUAL-Modificaci\u00f3n del sistema de pago del servicio de interconexi\u00f3n \u00a0 La primera controversia tiene como g\u00e9nesis el contrato de acceso, uso e interconexi\u00f3n de redes de telecomunicaciones suscrito entre ETELL y ORBITEL. Esta controversia surge por la pretensi\u00f3n de una de las partes de modificar el sistema de pago del servicio de interconexi\u00f3n, pretensi\u00f3n que apoya en la expedici\u00f3n de una resoluci\u00f3n de la CRT posterior a la suscripci\u00f3n del contrato. Para la Sala es claro que la controversia remit\u00eda a la ...<br \/><div class=\"pt-cv-rmwrap\"><a href=\"https:\/\/www.dmsjuridica.com\/buscador_20179478954\/corteconstitucionalcronologico202454587\/t-088-04\/\" class=\"_self pt-cv-readmore btn btn-success\" target=\"_self\">Ver Sentencia Completa...<\/a><\/div><\/div><\/div><\/div>\n<div class=\"col-md-12 col-sm-12 col-xs-12 pt-cv-content-item pt-cv-1-col\" ><div class='pt-cv-ifield'><a href=\"https:\/\/www.dmsjuridica.com\/buscador_20179478954\/corteconstitucionalcronologico202454587\/t-087-04\/\" class=\"_self pt-cv-href-thumbnail pt-cv-thumb-default\" target=\"_self\" ><\/a>\n<div class=\"pt-cv-taxoterm above_title\"><a href='https:\/\/www.dmsjuridica.com\/buscador_20179478954\/corteconstitucionalcronologico202454587\/category\/buscar-en-toda-la-corte\/2004\/tutelas-2004\/' title='Tutelas 2004' class='pt-cv-tax-tutelas-2004'>Tutelas 2004<\/a><\/div>\n<h4 class=\"pt-cv-title\"><a href=\"https:\/\/www.dmsjuridica.com\/buscador_20179478954\/corteconstitucionalcronologico202454587\/t-087-04\/\" class=\"_self\" target=\"_self\" >T-087-04<\/a><\/h4>\n<div class=\"pt-cv-content\">\u00a0 \u00a0 Sentencia T-087\/04 \u00a0 MENOR DECLARADO EN SITUACION DE ABANDONO-Tr\u00e1mites de adopci\u00f3n \u00a0 INTERES SUPERIOR DEL MENOR-Concepto \u00a0 INTERES SUPERIOR DEL MENOR-Prevalece sobre los dem\u00e1s pero no es excluyente ni absoluto \u00a0 ADOPCION-Finalidad \u00a0 ADOPCION-Se involucran los derechos de los menores y dem\u00e1s miembros de la familia \u00a0 DERECHO A TENER UNA FAMILIA Y NO SER SEPARADO DE ELLA-Alcance \u00a0 PRESUNCION A FAVOR DE LA FAMILIA BIOLOGICA-Condiciones de aplicaci\u00f3n \u00a0 PRESUNCION A FAVOR DE LA FAMILIA BIOLOGICA-condiciones para desvirtuarse \u00a0 INTERES SUPERIOR DEL MENOR-Valoraci\u00f3n de efectos psicol\u00f3gicos respecto a los v\u00ednculos establecidos con quienes los han cuidado \u00a0 En ...<br \/><div class=\"pt-cv-rmwrap\"><a href=\"https:\/\/www.dmsjuridica.com\/buscador_20179478954\/corteconstitucionalcronologico202454587\/t-087-04\/\" class=\"_self pt-cv-readmore btn btn-success\" target=\"_self\">Ver Sentencia Completa...<\/a><\/div><\/div><\/div><\/div>\n<div class=\"col-md-12 col-sm-12 col-xs-12 pt-cv-content-item pt-cv-1-col\" ><div class='pt-cv-ifield'><a href=\"https:\/\/www.dmsjuridica.com\/buscador_20179478954\/corteconstitucionalcronologico202454587\/t-086-04\/\" class=\"_self pt-cv-href-thumbnail pt-cv-thumb-default\" target=\"_self\" ><\/a>\n<div class=\"pt-cv-taxoterm above_title\"><a href='https:\/\/www.dmsjuridica.com\/buscador_20179478954\/corteconstitucionalcronologico202454587\/category\/buscar-en-toda-la-corte\/2004\/tutelas-2004\/' title='Tutelas 2004' class='pt-cv-tax-tutelas-2004'>Tutelas 2004<\/a><\/div>\n<h4 class=\"pt-cv-title\"><a href=\"https:\/\/www.dmsjuridica.com\/buscador_20179478954\/corteconstitucionalcronologico202454587\/t-086-04\/\" class=\"_self\" target=\"_self\" >T-086-04<\/a><\/h4>\n<div class=\"pt-cv-content\">\u00a0 \u00a0 Sentencia T-086\/04 \u00a0 ACCION DE TUTELA-Improcedencia sobre controversia relativa a nota devolutiva emitida por el registrador de instrumentos p\u00fablicos \u00a0 DERECHOS FUNDAMENTALES DEL NI\u00d1O-Prelaci\u00f3n de cr\u00e9ditos alimentarios \u00a0 Referencia: expediente T-795971 \u00a0 Acci\u00f3n de tutela instaurada por Ana Marlen Pacanchique contra el Registrador de Instrumentos P\u00fablicos de Tunja\u00a0 \u00a0 Magistrado Ponente: \u00a0 Bogot\u00e1, D. C., cinco (5) de febrero de dos mil cuatro (2004). \u00a0 La Sala Octava de Revisi\u00f3n de la Corte Constitucional, integrada por los magistrados Jaime Araujo Renter\u00eda, Clara In\u00e9s Vargas Hern\u00e1ndez \u00a0y Alvaro Tafur Galvis, en ejercicio de su competencia constitucional y legal, ha ...<br \/><div class=\"pt-cv-rmwrap\"><a href=\"https:\/\/www.dmsjuridica.com\/buscador_20179478954\/corteconstitucionalcronologico202454587\/t-086-04\/\" class=\"_self pt-cv-readmore btn btn-success\" target=\"_self\">Ver Sentencia Completa...<\/a><\/div><\/div><\/div><\/div>\n<div class=\"col-md-12 col-sm-12 col-xs-12 pt-cv-content-item pt-cv-1-col\" ><div class='pt-cv-ifield'><a href=\"https:\/\/www.dmsjuridica.com\/buscador_20179478954\/corteconstitucionalcronologico202454587\/t-085-04\/\" class=\"_self pt-cv-href-thumbnail pt-cv-thumb-default\" target=\"_self\" ><\/a>\n<div class=\"pt-cv-taxoterm above_title\"><a href='https:\/\/www.dmsjuridica.com\/buscador_20179478954\/corteconstitucionalcronologico202454587\/category\/buscar-en-toda-la-corte\/2004\/tutelas-2004\/' title='Tutelas 2004' class='pt-cv-tax-tutelas-2004'>Tutelas 2004<\/a><\/div>\n<h4 class=\"pt-cv-title\"><a href=\"https:\/\/www.dmsjuridica.com\/buscador_20179478954\/corteconstitucionalcronologico202454587\/t-085-04\/\" class=\"_self\" target=\"_self\" >T-085-04<\/a><\/h4>\n<div class=\"pt-cv-content\">\u00a0 \u00a0 \u00a0 \u00a0 ENTIDAD DE SALUD-Ante la urgencia de examen m\u00e9dico debe autorizarlo y repetir contra el Fosyga \u00a0 Ante el apremio o la urgencia de un examen m\u00e9dico, deber\u00e1 la entidad autorizar el procedimiento que fuere necesario a quien se lo solicita y despu\u00e9s repetir por los costos que no est\u00e9 obligado a pagar contra el Estado, espec\u00edficamente contra el Fondo de Solidaridad y \u00a0Garant\u00eda, o contra quien estuviese en la obligaci\u00f3n de hacerlo. \u00a0 ENTIDADES DE SALUD-El usuario no debe soportar la incertidumbre de si es la EPS o la ARP la que debe autorizar el examen ...<br \/><div class=\"pt-cv-rmwrap\"><a href=\"https:\/\/www.dmsjuridica.com\/buscador_20179478954\/corteconstitucionalcronologico202454587\/t-085-04\/\" class=\"_self pt-cv-readmore btn btn-success\" target=\"_self\">Ver Sentencia Completa...<\/a><\/div><\/div><\/div><\/div>\n<div class=\"col-md-12 col-sm-12 col-xs-12 pt-cv-content-item pt-cv-1-col\" ><div class='pt-cv-ifield'><a href=\"https:\/\/www.dmsjuridica.com\/buscador_20179478954\/corteconstitucionalcronologico202454587\/t-084-04\/\" class=\"_self pt-cv-href-thumbnail pt-cv-thumb-default\" target=\"_self\" ><\/a>\n<div class=\"pt-cv-taxoterm above_title\"><a href='https:\/\/www.dmsjuridica.com\/buscador_20179478954\/corteconstitucionalcronologico202454587\/category\/buscar-en-toda-la-corte\/2004\/tutelas-2004\/' title='Tutelas 2004' class='pt-cv-tax-tutelas-2004'>Tutelas 2004<\/a><\/div>\n<h4 class=\"pt-cv-title\"><a href=\"https:\/\/www.dmsjuridica.com\/buscador_20179478954\/corteconstitucionalcronologico202454587\/t-084-04\/\" class=\"_self\" target=\"_self\" >T-084-04<\/a><\/h4>\n<div class=\"pt-cv-content\">\u00a0 \u00a0 Sentencia T-084\/04 \u00a0 PODER DE COERCION DE JUEZ-Decreto de embargo y secuestro de bienes\/PODER DE EJECUCION DEL JUEZ-Facultad para hacer cumplir sus decisiones\/JUEZ-Facultad para comisionar practica de diligencias para hacer efectivo el cumplimiento de sentencias \u00a0 COMISION-Finalidad \u00a0 DESPACHO COMISORIO-Diligenciamiento se debe hacer respetando el orden cronol\u00f3gico de recibo \u00a0 DILIGENCIAS DE EMBARGO Y SECUESTRO Y DE RESTITUCION DE INMUEBLE-Fecha distante debido al c\u00famulo de diligencias \u00a0 PROCESO DE RESTITUCION DE INMUEBLE-Vulneraci\u00f3n del debido proceso \u00a0 DERECHO DE ACCESO A LA ADMINISTRACION DE JUSTICIA-Exige celeridad, econom\u00eda y eficacia en los procesos \u00a0 SENTENCIA JUDICIAL-Cumplimiento efectivo\/SENTENCIA JUDICIAL-Car\u00e1cter vinculante entre ...<br \/><div class=\"pt-cv-rmwrap\"><a href=\"https:\/\/www.dmsjuridica.com\/buscador_20179478954\/corteconstitucionalcronologico202454587\/t-084-04\/\" class=\"_self pt-cv-readmore btn btn-success\" target=\"_self\">Ver Sentencia Completa...<\/a><\/div><\/div><\/div><\/div>\n<div class=\"col-md-12 col-sm-12 col-xs-12 pt-cv-content-item pt-cv-1-col\" ><div class='pt-cv-ifield'><a href=\"https:\/\/www.dmsjuridica.com\/buscador_20179478954\/corteconstitucionalcronologico202454587\/t-083-04\/\" class=\"_self pt-cv-href-thumbnail pt-cv-thumb-default\" target=\"_self\" ><\/a>\n<div class=\"pt-cv-taxoterm above_title\"><a href='https:\/\/www.dmsjuridica.com\/buscador_20179478954\/corteconstitucionalcronologico202454587\/category\/buscar-en-toda-la-corte\/2004\/tutelas-2004\/' title='Tutelas 2004' class='pt-cv-tax-tutelas-2004'>Tutelas 2004<\/a><\/div>\n<h4 class=\"pt-cv-title\"><a href=\"https:\/\/www.dmsjuridica.com\/buscador_20179478954\/corteconstitucionalcronologico202454587\/t-083-04\/\" class=\"_self\" target=\"_self\" >T-083-04<\/a><\/h4>\n<div class=\"pt-cv-content\">\u00a0 \u00a0 Sentencia T-083\/04 \u00a0 ACCION DE TUTELA-Improcedencia general para protecci\u00f3n de derechos prestacionales \u00a0 En principio, la acci\u00f3n de tutela no es el mecanismo judicial id\u00f3neo para resolver las controversias relacionadas con el reconocimiento o reliquidaci\u00f3n de prestaciones sociales, particularmente en materia de pensiones. Seg\u00fan lo ha precisado la jurisprudencia constitucional, por encontrarse comprometidos derechos litigiosos de naturaleza legal y desarrollo progresivo, la competencia prevalente para resolver este tipo de conflictos ha sido asignada por el ordenamiento jur\u00eddico a la justicia laboral o contenciosa administrativa seg\u00fan el caso, siendo entonces dichas autoridades las llamadas a garantizar el ejercicio de ...<br \/><div class=\"pt-cv-rmwrap\"><a href=\"https:\/\/www.dmsjuridica.com\/buscador_20179478954\/corteconstitucionalcronologico202454587\/t-083-04\/\" class=\"_self pt-cv-readmore btn btn-success\" target=\"_self\">Ver Sentencia Completa...<\/a><\/div><\/div><\/div><\/div>\n<div class=\"col-md-12 col-sm-12 col-xs-12 pt-cv-content-item pt-cv-1-col\" ><div class='pt-cv-ifield'><a href=\"https:\/\/www.dmsjuridica.com\/buscador_20179478954\/corteconstitucionalcronologico202454587\/t-082-04\/\" class=\"_self pt-cv-href-thumbnail pt-cv-thumb-default\" target=\"_self\" ><\/a>\n<div class=\"pt-cv-taxoterm above_title\"><a href='https:\/\/www.dmsjuridica.com\/buscador_20179478954\/corteconstitucionalcronologico202454587\/category\/buscar-en-toda-la-corte\/2004\/tutelas-2004\/' title='Tutelas 2004' class='pt-cv-tax-tutelas-2004'>Tutelas 2004<\/a><\/div>\n<h4 class=\"pt-cv-title\"><a href=\"https:\/\/www.dmsjuridica.com\/buscador_20179478954\/corteconstitucionalcronologico202454587\/t-082-04\/\" class=\"_self\" target=\"_self\" >T-082-04<\/a><\/h4>\n<div class=\"pt-cv-content\">\u00a0 \u00a0 Sentencia T-082\/04 \u00a0 ACCION DE TUTUELA TEMERARIA-Alcance \u00a0 ACCION DE TUTUELA-Solicitud nuevo examen de carga viral por cuanto el accionante no fue atendido oportunamente \u00a0 La acci\u00f3n de tutela que presenta ahora tiene como objetivo la pr\u00e1ctica de un nuevo examen de carga viral, en virtud de la orden expedida por el medico tratante la cual anexa como prueba. La necesidad de que se le practique nuevamente el examen de carga viral se debe precisamente a que al accionante no ha sido atendido oportunamente. Ha venido solicitando la atenci\u00f3n de su enfermedad y que, a pesar de que ...<br \/><div class=\"pt-cv-rmwrap\"><a href=\"https:\/\/www.dmsjuridica.com\/buscador_20179478954\/corteconstitucionalcronologico202454587\/t-082-04\/\" class=\"_self pt-cv-readmore btn btn-success\" target=\"_self\">Ver Sentencia Completa...<\/a><\/div><\/div><\/div><\/div>\n<div class=\"col-md-12 col-sm-12 col-xs-12 pt-cv-content-item pt-cv-1-col\" ><div class='pt-cv-ifield'><a href=\"https:\/\/www.dmsjuridica.com\/buscador_20179478954\/corteconstitucionalcronologico202454587\/t-081-04\/\" class=\"_self pt-cv-href-thumbnail pt-cv-thumb-default\" target=\"_self\" ><\/a>\n<div class=\"pt-cv-taxoterm above_title\"><a href='https:\/\/www.dmsjuridica.com\/buscador_20179478954\/corteconstitucionalcronologico202454587\/category\/buscar-en-toda-la-corte\/2004\/tutelas-2004\/' title='Tutelas 2004' class='pt-cv-tax-tutelas-2004'>Tutelas 2004<\/a><\/div>\n<h4 class=\"pt-cv-title\"><a href=\"https:\/\/www.dmsjuridica.com\/buscador_20179478954\/corteconstitucionalcronologico202454587\/t-081-04\/\" class=\"_self\" target=\"_self\" >T-081-04<\/a><\/h4>\n<div class=\"pt-cv-content\">\u00a0 \u00a0 Sentencia T-081\/04 \u00a0 EMPLEADOR-Asunci\u00f3n de responsabilidad por mora en aportes en salud \u00a0 ENTIDAD PROMOTORA DE SALUD-Atenci\u00f3n al usuario cuando peligra su vida aunque el empleador est\u00e9 en mora en aportes\/ENTIDAD PROMOTORA DE SALUD-Repetici\u00f3n contra el empleador o el Fosyga \u00a0 En ciertos casos la entidad no puede sustraerse del deber de atender a la persona que soporta una merma en sus condiciones de salud, \u00a0aunque el empleador se encuentre en mora de transferir los aportes correspondientes a la seguridad social del empleado. Lo anterior, en consideraci\u00f3n a los principios de continuidad en la prestaci\u00f3n de servicio, en ...<br \/><div class=\"pt-cv-rmwrap\"><a href=\"https:\/\/www.dmsjuridica.com\/buscador_20179478954\/corteconstitucionalcronologico202454587\/t-081-04\/\" class=\"_self pt-cv-readmore btn btn-success\" target=\"_self\">Ver Sentencia Completa...<\/a><\/div><\/div><\/div><\/div>\n<div class=\"col-md-12 col-sm-12 col-xs-12 pt-cv-content-item pt-cv-1-col\" ><div class='pt-cv-ifield'><a href=\"https:\/\/www.dmsjuridica.com\/buscador_20179478954\/corteconstitucionalcronologico202454587\/t-080-04\/\" class=\"_self pt-cv-href-thumbnail pt-cv-thumb-default\" target=\"_self\" ><\/a>\n<div class=\"pt-cv-taxoterm above_title\"><a href='https:\/\/www.dmsjuridica.com\/buscador_20179478954\/corteconstitucionalcronologico202454587\/category\/buscar-en-toda-la-corte\/2004\/tutelas-2004\/' title='Tutelas 2004' class='pt-cv-tax-tutelas-2004'>Tutelas 2004<\/a><\/div>\n<h4 class=\"pt-cv-title\"><a href=\"https:\/\/www.dmsjuridica.com\/buscador_20179478954\/corteconstitucionalcronologico202454587\/t-080-04\/\" class=\"_self\" target=\"_self\" >T-080-04<\/a><\/h4>\n<div class=\"pt-cv-content\">\u00a0 \u00a0 Sentencia T-080\/04 \u00a0 ACCION DE TUTELA CONTRA PROVIDENCIAS JUDICIALES-Procedencia excepcional por v\u00eda de hecho judicial \u00a0 ACCION DE TUTELA CONTRA PROVIDENCIAS JUDICIALES-Requisitos formales \u00a0 En cuanto a los requisitos formales, la procedibilidad de la acci\u00f3n est\u00e1 condicionada a una de las siguientes hip\u00f3tesis: a) Es necesario que la persona haya agotado todos los mecanismos de defensa previstos en el proceso dentro del cual fue proferida la decisi\u00f3n que se pretende controvertir mediante tutela. \u00a0Con ello se pretende prevenir la intromisi\u00f3n indebida de una autoridad distinta de la que adelanta el proceso ordinario, que no se alteren o sustituyan ...<br \/><div class=\"pt-cv-rmwrap\"><a href=\"https:\/\/www.dmsjuridica.com\/buscador_20179478954\/corteconstitucionalcronologico202454587\/t-080-04\/\" class=\"_self pt-cv-readmore btn btn-success\" target=\"_self\">Ver Sentencia Completa...<\/a><\/div><\/div><\/div><\/div>\n<div class=\"col-md-12 col-sm-12 col-xs-12 pt-cv-content-item pt-cv-1-col\" ><div class='pt-cv-ifield'><a href=\"https:\/\/www.dmsjuridica.com\/buscador_20179478954\/corteconstitucionalcronologico202454587\/t-079-04\/\" class=\"_self pt-cv-href-thumbnail pt-cv-thumb-default\" target=\"_self\" ><\/a>\n<div class=\"pt-cv-taxoterm above_title\"><a href='https:\/\/www.dmsjuridica.com\/buscador_20179478954\/corteconstitucionalcronologico202454587\/category\/buscar-en-toda-la-corte\/2004\/tutelas-2004\/' title='Tutelas 2004' class='pt-cv-tax-tutelas-2004'>Tutelas 2004<\/a><\/div>\n<h4 class=\"pt-cv-title\"><a href=\"https:\/\/www.dmsjuridica.com\/buscador_20179478954\/corteconstitucionalcronologico202454587\/t-079-04\/\" class=\"_self\" target=\"_self\" >T-079-04<\/a><\/h4>\n<div class=\"pt-cv-content\">\u00a0 \u00a0 Sentencia T-079\/04 \u00a0 ACTO PROPIO-Respeto\/DEBIDO PROCESO-Respeto del acto propio \u00a0 ACTO PROPIO-Condiciones para su aplicaci\u00f3n \u00a0 ENTIDAD BANCARIA-Posici\u00f3n dominante \u00a0 ENTIDAD BANCARIA-Informaci\u00f3n veraz sobre el estado de obligaciones financieras del cliente \u00a0 Es claro que las entidades bancarias, como prestadoras de un servicio de inter\u00e9s p\u00fablico, y depositarias de la confianza p\u00fablica, asumen una posici\u00f3n dominante frente a sus clientes, a quienes les suministran una informaci\u00f3n que presumen veraz, y a trav\u00e9s de la cual informan a sus clientes de manera puntual y exacta sobre el estado de sus obligaciones financieras. Es a partir de esta informaci\u00f3n que ...<br \/><div class=\"pt-cv-rmwrap\"><a href=\"https:\/\/www.dmsjuridica.com\/buscador_20179478954\/corteconstitucionalcronologico202454587\/t-079-04\/\" class=\"_self pt-cv-readmore btn btn-success\" target=\"_self\">Ver Sentencia Completa...<\/a><\/div><\/div><\/div><\/div>\n<div class=\"col-md-12 col-sm-12 col-xs-12 pt-cv-content-item pt-cv-1-col\" ><div class='pt-cv-ifield'><a href=\"https:\/\/www.dmsjuridica.com\/buscador_20179478954\/corteconstitucionalcronologico202454587\/t-078-04\/\" class=\"_self pt-cv-href-thumbnail pt-cv-thumb-default\" target=\"_self\" ><\/a>\n<div class=\"pt-cv-taxoterm above_title\"><a href='https:\/\/www.dmsjuridica.com\/buscador_20179478954\/corteconstitucionalcronologico202454587\/category\/buscar-en-toda-la-corte\/2004\/tutelas-2004\/' title='Tutelas 2004' class='pt-cv-tax-tutelas-2004'>Tutelas 2004<\/a><\/div>\n<h4 class=\"pt-cv-title\"><a href=\"https:\/\/www.dmsjuridica.com\/buscador_20179478954\/corteconstitucionalcronologico202454587\/t-078-04\/\" class=\"_self\" target=\"_self\" >T-078-04<\/a><\/h4>\n<div class=\"pt-cv-content\">\u00a0 \u00a0 Sentencia T-078\/04 \u00a0 LEGITIMACION POR ACTIVA EN TUTELA \u00a0 AGENCIA OFICIOSA EN TUTELA-Alcance \u00a0 ACCION DE TUTELA-Protecci\u00f3n de grupo de personas determinable \u00a0 AGENCIA OFICIOSA TACITA-Procedencia en tutela\/DEFENSOR DEL PUEBLO-Legitimaci\u00f3n para interponer tutela \u00a0 No son necesarias las frases sacramentales o declaraciones expresas que den cuenta de la agencia oficiosa, sino que tan s\u00f3lo basta que dentro de la petici\u00f3n de tutela y de los hechos y circunstancias definidas en cada caso, pueda concluirse que est\u00e1 actu\u00e1ndose a nombre de otro. En aquellos casos en los cuales no es totalmente expresa la representaci\u00f3n del agente oficioso, la Corte ...<br \/><div class=\"pt-cv-rmwrap\"><a href=\"https:\/\/www.dmsjuridica.com\/buscador_20179478954\/corteconstitucionalcronologico202454587\/t-078-04\/\" class=\"_self pt-cv-readmore btn btn-success\" target=\"_self\">Ver Sentencia Completa...<\/a><\/div><\/div><\/div><\/div>\n<div class=\"col-md-12 col-sm-12 col-xs-12 pt-cv-content-item pt-cv-1-col\" ><div class='pt-cv-ifield'><a href=\"https:\/\/www.dmsjuridica.com\/buscador_20179478954\/corteconstitucionalcronologico202454587\/t-067-04\/\" class=\"_self pt-cv-href-thumbnail pt-cv-thumb-default\" target=\"_self\" ><\/a>\n<div class=\"pt-cv-taxoterm above_title\"><a href='https:\/\/www.dmsjuridica.com\/buscador_20179478954\/corteconstitucionalcronologico202454587\/category\/buscar-en-toda-la-corte\/2004\/tutelas-2004\/' title='Tutelas 2004' class='pt-cv-tax-tutelas-2004'>Tutelas 2004<\/a><\/div>\n<h4 class=\"pt-cv-title\"><a href=\"https:\/\/www.dmsjuridica.com\/buscador_20179478954\/corteconstitucionalcronologico202454587\/t-067-04\/\" class=\"_self\" target=\"_self\" >T-067-04<\/a><\/h4>\n<div class=\"pt-cv-content\">\u00a0 \u00a0 Sentencia T-067\/04 \u00a0 DERECHO A LA PENSION DE JUBILACION-Pago oportuno y completo de mesadas \u00a0 DERECHO A LA VIDA EN CONDICIONES DIGNAS Y JUSTAS-Pago oportuno de mesadas pensionales \u00a0 ACCION DE TUTELA-Procedencia excepcional pago de mesadas pensionales atrasadas \u00a0 EMPLEADOR-Asignaci\u00f3n de presupuesto para pago de mesadas pensionales\/DERECHO A LA PENSION DE JUBILACION-Tr\u00e1mite administrativo o presupuestal no impide pago oportuno de mesadas \u00a0 Los empleadores, sean estos p\u00fablicos o privados, que hayan asumido de manera directa la responsabilidad de reconocer y pagar las pensiones de sus extrabajadores, se encuentran en la obligaci\u00f3n de asignar dentro de su presupuesto, una ...<br \/><div class=\"pt-cv-rmwrap\"><a href=\"https:\/\/www.dmsjuridica.com\/buscador_20179478954\/corteconstitucionalcronologico202454587\/t-067-04\/\" class=\"_self pt-cv-readmore btn btn-success\" target=\"_self\">Ver Sentencia Completa...<\/a><\/div><\/div><\/div><\/div>\n<div class=\"col-md-12 col-sm-12 col-xs-12 pt-cv-content-item pt-cv-1-col\" ><div class='pt-cv-ifield'><a href=\"https:\/\/www.dmsjuridica.com\/buscador_20179478954\/corteconstitucionalcronologico202454587\/t-066-04\/\" class=\"_self pt-cv-href-thumbnail pt-cv-thumb-default\" target=\"_self\" ><\/a>\n<div class=\"pt-cv-taxoterm above_title\"><a href='https:\/\/www.dmsjuridica.com\/buscador_20179478954\/corteconstitucionalcronologico202454587\/category\/buscar-en-toda-la-corte\/2004\/tutelas-2004\/' title='Tutelas 2004' class='pt-cv-tax-tutelas-2004'>Tutelas 2004<\/a><\/div>\n<h4 class=\"pt-cv-title\"><a href=\"https:\/\/www.dmsjuridica.com\/buscador_20179478954\/corteconstitucionalcronologico202454587\/t-066-04\/\" class=\"_self\" target=\"_self\" >T-066-04<\/a><\/h4>\n<div class=\"pt-cv-content\">\u00a0 \u00a0 Sentencia T-066\/04 \u00a0 DERECHO DE PETICION-No se vulner\u00f3 por cuanto la Registradur\u00eda di\u00f3 respuesta \u00a0 CEDULA DE CIUDADANIA-Finalidad \u00a0 REGISTRO CIVIL-finalidad \u00a0 REGISTRO CIVIL-Correcci\u00f3n por los interesados o por decisi\u00f3n judicial \u00a0 La correcci\u00f3n del registro civil de las personas puede realizarse por dos v\u00edas, pues puede el responsable del registro proceder a corregirlo \u00e9l mismo o bien puede ser necesaria la intervenci\u00f3n de un juez. Esa distinta competencia obedece a que la correcci\u00f3n del estado civil puede ser realizada a partir de una comprobaci\u00f3n declarativa o exigir una comprobaci\u00f3n constitutiva; esta \u00faltima es la excepci\u00f3n, toda vez ...<br \/><div class=\"pt-cv-rmwrap\"><a href=\"https:\/\/www.dmsjuridica.com\/buscador_20179478954\/corteconstitucionalcronologico202454587\/t-066-04\/\" class=\"_self pt-cv-readmore btn btn-success\" target=\"_self\">Ver Sentencia Completa...<\/a><\/div><\/div><\/div><\/div>\n<div class=\"col-md-12 col-sm-12 col-xs-12 pt-cv-content-item pt-cv-1-col\" ><div class='pt-cv-ifield'><a href=\"https:\/\/www.dmsjuridica.com\/buscador_20179478954\/corteconstitucionalcronologico202454587\/t-065-04\/\" class=\"_self pt-cv-href-thumbnail pt-cv-thumb-default\" target=\"_self\" ><\/a>\n<div class=\"pt-cv-taxoterm above_title\"><a href='https:\/\/www.dmsjuridica.com\/buscador_20179478954\/corteconstitucionalcronologico202454587\/category\/buscar-en-toda-la-corte\/2004\/tutelas-2004\/' title='Tutelas 2004' class='pt-cv-tax-tutelas-2004'>Tutelas 2004<\/a><\/div>\n<h4 class=\"pt-cv-title\"><a href=\"https:\/\/www.dmsjuridica.com\/buscador_20179478954\/corteconstitucionalcronologico202454587\/t-065-04\/\" class=\"_self\" target=\"_self\" >T-065-04<\/a><\/h4>\n<div class=\"pt-cv-content\">\u00a0 \u00a0 Sentencia T-065\/04 \u00a0 CONTRATO DE MEDICINA PREPAGADA-Naturaleza \u00a0 CONTRATO DE MEDICINA PREPAGADA-Caracter\u00edsticas \u00a0 CONTRATO DE MEDICINA PREPAGADA-Exclusi\u00f3n expresa de enfermedades, medicamentos y tratamientos m\u00e9dicos \u00a0 Las entidades de medicina prepagada deben estipular expresamente en sus cl\u00e1usulas contractuales aquellos procedimientos, tratamientos y medicamentos que la entidad de medicina prepagada no se encuentre dispuesta a suministrar. De esta manera, teniendo en cuenta que las partes deben sujetarse con rigor a las obligaciones que se encuentren consagradas en el contrato y los acuerdos que lo complementen o modifiquen, es di\u00e1fano que cualquier enfermedad o procedimiento m\u00e9dico que no se encuentre expresamente ...<br \/><div class=\"pt-cv-rmwrap\"><a href=\"https:\/\/www.dmsjuridica.com\/buscador_20179478954\/corteconstitucionalcronologico202454587\/t-065-04\/\" class=\"_self pt-cv-readmore btn btn-success\" target=\"_self\">Ver Sentencia Completa...<\/a><\/div><\/div><\/div><\/div>\n<div class=\"col-md-12 col-sm-12 col-xs-12 pt-cv-content-item pt-cv-1-col\" ><div class='pt-cv-ifield'><a href=\"https:\/\/www.dmsjuridica.com\/buscador_20179478954\/corteconstitucionalcronologico202454587\/t-064-04\/\" class=\"_self pt-cv-href-thumbnail pt-cv-thumb-default\" target=\"_self\" ><\/a>\n<div class=\"pt-cv-taxoterm above_title\"><a href='https:\/\/www.dmsjuridica.com\/buscador_20179478954\/corteconstitucionalcronologico202454587\/category\/buscar-en-toda-la-corte\/2004\/tutelas-2004\/' title='Tutelas 2004' class='pt-cv-tax-tutelas-2004'>Tutelas 2004<\/a><\/div>\n<h4 class=\"pt-cv-title\"><a href=\"https:\/\/www.dmsjuridica.com\/buscador_20179478954\/corteconstitucionalcronologico202454587\/t-064-04\/\" class=\"_self\" target=\"_self\" >T-064-04<\/a><\/h4>\n<div class=\"pt-cv-content\">\u00a0 \u00a0 Sentencia T-064\/04 \u00a0 PRINCIPIO DE LA BUENA FE Y CONFIANZA LEGITIMA-Vulneraci\u00f3n por no otorgar la ESAP el t\u00edtulo de especialistas\u00a0 \u00a0 DERECHO A LA EDUCACION-Vulneraci\u00f3n por no otorgar la ESAP el t\u00edtulo de \u00a0especialistas \u00a0 \u00a0 ESCUELA SUPERIOR DE ADMINISTRACION PUBLICA-Debe otorgar los t\u00edtulos de especialistas en Finanzas p\u00fablicas \u00a0 Reiteraci\u00f3n de Jurisprudencia \u00a0 Referencia: expediente T-791613 \u00a0 Acci\u00f3n de tutela instaurada por Laureano Dom\u00ednguez Mart\u00ednez contra la Escuela Superior de Administraci\u00f3n P\u00fablica \u2013ESAP- y el Instituto Colombiano para el Fomento de la Educaci\u00f3n Superior -ICFES- \u00a0 Magistrado Ponente: \u00a0 Dr. EDUARDO MONTEALEGRE LYNETT. \u00a0 Bogot\u00e1, D. C., ...<br \/><div class=\"pt-cv-rmwrap\"><a href=\"https:\/\/www.dmsjuridica.com\/buscador_20179478954\/corteconstitucionalcronologico202454587\/t-064-04\/\" class=\"_self pt-cv-readmore btn btn-success\" target=\"_self\">Ver Sentencia Completa...<\/a><\/div><\/div><\/div><\/div>\n<div class=\"col-md-12 col-sm-12 col-xs-12 pt-cv-content-item pt-cv-1-col\" ><div class='pt-cv-ifield'><a href=\"https:\/\/www.dmsjuridica.com\/buscador_20179478954\/corteconstitucionalcronologico202454587\/t-063-04\/\" class=\"_self pt-cv-href-thumbnail pt-cv-thumb-default\" target=\"_self\" ><\/a>\n<div class=\"pt-cv-taxoterm above_title\"><a href='https:\/\/www.dmsjuridica.com\/buscador_20179478954\/corteconstitucionalcronologico202454587\/category\/buscar-en-toda-la-corte\/2004\/tutelas-2004\/' title='Tutelas 2004' class='pt-cv-tax-tutelas-2004'>Tutelas 2004<\/a><\/div>\n<h4 class=\"pt-cv-title\"><a href=\"https:\/\/www.dmsjuridica.com\/buscador_20179478954\/corteconstitucionalcronologico202454587\/t-063-04\/\" class=\"_self\" target=\"_self\" >T-063-04<\/a><\/h4>\n<div class=\"pt-cv-content\">\u00a0 \u00a0 Sentencia T-063\/04 \u00a0 MUJER TRABAJADORA EMBARAZADA-Protecci\u00f3n constitucional especial \u00a0 FUERO DE MATERNIDAD-Protecci\u00f3n \u00a0 DERECHO A LA ESTABILIDAD LABORAL REFORZADA DE MUJER EMBARAZADA-Protecci\u00f3n \u00a0 DERECHO A LA ESTABILIDAD LABORAL REFORZADA DE MUJER EMBARAZADA-Despido previa autorizaci\u00f3n de la oficina del trabajo \u00a0 Reiteraci\u00f3n de Jurisprudencia \u00a0 Referencia: expediente 788291 \u00a0 Acci\u00f3n de tutela instaurada por Faisule Santos Rodr\u00edguez contra Perfumes y Cosm\u00e9ticos Internacionales S.A. \u00a0 Magistrado Ponente: \u00a0 Dr. ALVARO TAFUR GALVIS \u00a0 Bogot\u00e1, D. C., veintinueve (29) de enero de dos mil cuatro (2004). \u00a0 La Sala Octava de Revisi\u00f3n de la Corte Constitucional, en ejercicio de sus competencias ...<br \/><div class=\"pt-cv-rmwrap\"><a href=\"https:\/\/www.dmsjuridica.com\/buscador_20179478954\/corteconstitucionalcronologico202454587\/t-063-04\/\" class=\"_self pt-cv-readmore btn btn-success\" target=\"_self\">Ver Sentencia Completa...<\/a><\/div><\/div><\/div><\/div>\n<div class=\"col-md-12 col-sm-12 col-xs-12 pt-cv-content-item pt-cv-1-col\" ><div class='pt-cv-ifield'><a href=\"https:\/\/www.dmsjuridica.com\/buscador_20179478954\/corteconstitucionalcronologico202454587\/t-062-04\/\" class=\"_self pt-cv-href-thumbnail pt-cv-thumb-default\" target=\"_self\" ><\/a>\n<div class=\"pt-cv-taxoterm above_title\"><a href='https:\/\/www.dmsjuridica.com\/buscador_20179478954\/corteconstitucionalcronologico202454587\/category\/buscar-en-toda-la-corte\/2004\/tutelas-2004\/' title='Tutelas 2004' class='pt-cv-tax-tutelas-2004'>Tutelas 2004<\/a><\/div>\n<h4 class=\"pt-cv-title\"><a href=\"https:\/\/www.dmsjuridica.com\/buscador_20179478954\/corteconstitucionalcronologico202454587\/t-062-04\/\" class=\"_self\" target=\"_self\" >T-062-04<\/a><\/h4>\n<div class=\"pt-cv-content\">\u00a0 \u00a0 Sentencia T-062\/04 \u00a0 NOTIFICACION FALLO DE TUTELA-Se entiende surtida una vez recibida la comunicaci\u00f3n\/FALLO DE TUTELA-Notificaci\u00f3n por telegrama surte efectos cuando se recibe efectivamente \u00a0 Sobre la notificaci\u00f3n de las providencias proferidas en los procesos de tutela se ha expresado de manera reiterada que la notificaci\u00f3n no puede entenderse surtida, como parece entenderlo el juez de tutela de instancia, en el momento en el que se hace el env\u00edo de la comunicaci\u00f3n con ese prop\u00f3sito, sino cuando \u00e9sta ha sido efectivamente recibida, de manera que solo a partir de ese momento puede correr el plazo de tres d\u00edas ...<br \/><div class=\"pt-cv-rmwrap\"><a href=\"https:\/\/www.dmsjuridica.com\/buscador_20179478954\/corteconstitucionalcronologico202454587\/t-062-04\/\" class=\"_self pt-cv-readmore btn btn-success\" target=\"_self\">Ver Sentencia Completa...<\/a><\/div><\/div><\/div><\/div>\n<div class=\"col-md-12 col-sm-12 col-xs-12 pt-cv-content-item pt-cv-1-col\" ><div class='pt-cv-ifield'><a href=\"https:\/\/www.dmsjuridica.com\/buscador_20179478954\/corteconstitucionalcronologico202454587\/t-061-04\/\" class=\"_self pt-cv-href-thumbnail pt-cv-thumb-default\" target=\"_self\" ><\/a>\n<div class=\"pt-cv-taxoterm above_title\"><a href='https:\/\/www.dmsjuridica.com\/buscador_20179478954\/corteconstitucionalcronologico202454587\/category\/buscar-en-toda-la-corte\/2004\/tutelas-2004\/' title='Tutelas 2004' class='pt-cv-tax-tutelas-2004'>Tutelas 2004<\/a><\/div>\n<h4 class=\"pt-cv-title\"><a href=\"https:\/\/www.dmsjuridica.com\/buscador_20179478954\/corteconstitucionalcronologico202454587\/t-061-04\/\" class=\"_self\" target=\"_self\" >T-061-04<\/a><\/h4>\n<div class=\"pt-cv-content\">\u00a0 \u00a0 Sentencia T-061\/04 \u00a0 PRESUNCION DE VERACIDAD-Cuando el demandado no rinde informe solicitado por el juez \u00a0 AGENCIA OFICIOSA EN TUTELA-Requisitos \u00a0 FALTA DE LEGITIMACION POR ACTIVA EN TUTELA-No se acredit\u00f3 la incapacidad para interponer directamente la acci\u00f3n \u00a0 DERECHO DE PETICION EN MATERIA PENSIONAL-T\u00e9rminos para resolver \u00a0 ACCION DE TUTELA-Improcedencia para reconocimiento de derechos pensionales \u00a0 DERECHO DE PETICION-Se dejaron vencer los t\u00e9rminos sin haber dado respuesta \u00a0 Reiteraci\u00f3n de Jurisprudencia \u00a0 Referencia: expedientes T-791018, T-791048 y T-791094. \u00a0 Acci\u00f3n de tutela instaurada por Carmen Ovidia Benitez de \u00a0Machado, Marco Tulio Valencia y Aura Rosa Valencia contra el ...<br \/><div class=\"pt-cv-rmwrap\"><a href=\"https:\/\/www.dmsjuridica.com\/buscador_20179478954\/corteconstitucionalcronologico202454587\/t-061-04\/\" class=\"_self pt-cv-readmore btn btn-success\" target=\"_self\">Ver Sentencia Completa...<\/a><\/div><\/div><\/div><\/div>\n<div class=\"col-md-12 col-sm-12 col-xs-12 pt-cv-content-item pt-cv-1-col\" ><div class='pt-cv-ifield'><a href=\"https:\/\/www.dmsjuridica.com\/buscador_20179478954\/corteconstitucionalcronologico202454587\/t-060-04\/\" class=\"_self pt-cv-href-thumbnail pt-cv-thumb-default\" target=\"_self\" ><\/a>\n<div class=\"pt-cv-taxoterm above_title\"><a href='https:\/\/www.dmsjuridica.com\/buscador_20179478954\/corteconstitucionalcronologico202454587\/category\/buscar-en-toda-la-corte\/2004\/tutelas-2004\/' title='Tutelas 2004' class='pt-cv-tax-tutelas-2004'>Tutelas 2004<\/a><\/div>\n<h4 class=\"pt-cv-title\"><a href=\"https:\/\/www.dmsjuridica.com\/buscador_20179478954\/corteconstitucionalcronologico202454587\/t-060-04\/\" class=\"_self\" target=\"_self\" >T-060-04<\/a><\/h4>\n<div class=\"pt-cv-content\">\u00a0 \u00a0 Sentencia T-060\/04 \u00a0 ACTO PROPIO-Respeto\/DEBIDO PROCESO-Respeto al acto propio \u00a0 ACTO PROPIO-Condiciones para su aplicaci\u00f3n \u00a0 ENTIDAD FINANCIERA-Modificaci\u00f3n unilateral de sus actos vulnera el respeto al acto propio \u00a0 Cuando las entidades financieras modifican sus propios actos de manera unilateral e inconsulta faltan al principio del respeto del acto propio y act\u00faan de manera ileg\u00edtima frente a sus clientes, traicionando la confianza por ellos depositada en el proceder de las entidades que hacen parte del sector financiero.\u00a0 \u00a0 ENTIDAD FINANCIERA-Posici\u00f3n dominante \u00a0 ENTIDAD FINANCIERA-Informaci\u00f3n errada solo puede modificarse con el consentimiento del cliente \u00a0 Cuando la entidad informa ...<br \/><div class=\"pt-cv-rmwrap\"><a href=\"https:\/\/www.dmsjuridica.com\/buscador_20179478954\/corteconstitucionalcronologico202454587\/t-060-04\/\" class=\"_self pt-cv-readmore btn btn-success\" target=\"_self\">Ver Sentencia Completa...<\/a><\/div><\/div><\/div><\/div>\n<div class=\"col-md-12 col-sm-12 col-xs-12 pt-cv-content-item pt-cv-1-col\" ><div class='pt-cv-ifield'><a href=\"https:\/\/www.dmsjuridica.com\/buscador_20179478954\/corteconstitucionalcronologico202454587\/t-059-04\/\" class=\"_self pt-cv-href-thumbnail pt-cv-thumb-default\" target=\"_self\" ><\/a>\n<div class=\"pt-cv-taxoterm above_title\"><a href='https:\/\/www.dmsjuridica.com\/buscador_20179478954\/corteconstitucionalcronologico202454587\/category\/buscar-en-toda-la-corte\/2004\/tutelas-2004\/' title='Tutelas 2004' class='pt-cv-tax-tutelas-2004'>Tutelas 2004<\/a><\/div>\n<h4 class=\"pt-cv-title\"><a href=\"https:\/\/www.dmsjuridica.com\/buscador_20179478954\/corteconstitucionalcronologico202454587\/t-059-04\/\" class=\"_self\" target=\"_self\" >T-059-04<\/a><\/h4>\n<div class=\"pt-cv-content\">\u00a0 \u00a0 Sentencia T-059\/04 \u00a0 ADMINISTRADORA DEL REGIMEN SUBSIDIADO-Obligaciones frente a servicios no incluidos en POS \u00a0 ADMINISTRADORA DEL REGIMEN SUBSIDIADO-Informaci\u00f3n al afiliado sobre posibilidad de atenci\u00f3n en servicio no incluido en POS \u00a0 Reiteraci\u00f3n de Jurisprudencia \u00a0 Referencia: expediente T-796385 \u00a0 Acci\u00f3n de tutela instaurada por Otilia Cevallos Londo\u00f1o contra el Hospital Tom\u00e1s Uribe Uribe de Tul\u00faa (Valle). \u00a0 Magistrado Ponente: \u00a0 Dr. MANUEL JOS\u00c9 CEPEDA ESPINOSA \u00a0 Bogot\u00e1, D. C., veintinueve (29) de enero de dos mil cuatro (2004). \u00a0 La Sala Tercera de Revisi\u00f3n de la Corte Constitucional, en ejercicio de sus competencias constitucionales y legales, en ...<br \/><div class=\"pt-cv-rmwrap\"><a href=\"https:\/\/www.dmsjuridica.com\/buscador_20179478954\/corteconstitucionalcronologico202454587\/t-059-04\/\" class=\"_self pt-cv-readmore btn btn-success\" target=\"_self\">Ver Sentencia Completa...<\/a><\/div><\/div><\/div><\/div>\n<div class=\"col-md-12 col-sm-12 col-xs-12 pt-cv-content-item pt-cv-1-col\" ><div class='pt-cv-ifield'><a href=\"https:\/\/www.dmsjuridica.com\/buscador_20179478954\/corteconstitucionalcronologico202454587\/t-058-04\/\" class=\"_self pt-cv-href-thumbnail pt-cv-thumb-default\" target=\"_self\" ><\/a>\n<div class=\"pt-cv-taxoterm above_title\"><a href='https:\/\/www.dmsjuridica.com\/buscador_20179478954\/corteconstitucionalcronologico202454587\/category\/buscar-en-toda-la-corte\/2004\/tutelas-2004\/' title='Tutelas 2004' class='pt-cv-tax-tutelas-2004'>Tutelas 2004<\/a><\/div>\n<h4 class=\"pt-cv-title\"><a href=\"https:\/\/www.dmsjuridica.com\/buscador_20179478954\/corteconstitucionalcronologico202454587\/t-058-04\/\" class=\"_self\" target=\"_self\" >T-058-04<\/a><\/h4>\n<div class=\"pt-cv-content\">\u00a0 \u00a0 Sentencia T-058\/04 \u00a0 INAPLICACION DE NORMAS DEL PLAN OBLIGATORIO DE SALUD-Casos en que procede por exclusi\u00f3n de tratamientos y medicamentos de alto costo \u00a0 ENTIDAD PROMOTORA DE SALUD-Suministro de medicamentos excluidos del POS\/ENTIDAD PROMOTORA DE SALUD-Repetici\u00f3n contra el Fosyga \u00a0 Reiteraci\u00f3n de Jurisprudencia \u00a0 Referencia: expediente T-800045 \u00a0 Acci\u00f3n de tutela instaurada por Xiomara Acosta Belfort contra Coomeva E.P.S. \u00a0 Magistrado Ponente: \u00a0 Dr. MANUEL JOS\u00c9 CEPEDA ESPINOSA \u00a0 Bogot\u00e1, D. C., veintinueve (29) de enero de dos mil cuatro (2004). \u00a0 La Sala Tercera de Revisi\u00f3n de la Corte Constitucional, en ejercicio de sus competencias constitucionales y ...<br \/><div class=\"pt-cv-rmwrap\"><a href=\"https:\/\/www.dmsjuridica.com\/buscador_20179478954\/corteconstitucionalcronologico202454587\/t-058-04\/\" class=\"_self pt-cv-readmore btn btn-success\" target=\"_self\">Ver Sentencia Completa...<\/a><\/div><\/div><\/div><\/div>\n<div class=\"col-md-12 col-sm-12 col-xs-12 pt-cv-content-item pt-cv-1-col\" ><div class='pt-cv-ifield'><a href=\"https:\/\/www.dmsjuridica.com\/buscador_20179478954\/corteconstitucionalcronologico202454587\/t-057-04\/\" class=\"_self pt-cv-href-thumbnail pt-cv-thumb-default\" target=\"_self\" ><\/a>\n<div class=\"pt-cv-taxoterm above_title\"><a href='https:\/\/www.dmsjuridica.com\/buscador_20179478954\/corteconstitucionalcronologico202454587\/category\/buscar-en-toda-la-corte\/2004\/tutelas-2004\/' title='Tutelas 2004' class='pt-cv-tax-tutelas-2004'>Tutelas 2004<\/a><\/div>\n<h4 class=\"pt-cv-title\"><a href=\"https:\/\/www.dmsjuridica.com\/buscador_20179478954\/corteconstitucionalcronologico202454587\/t-057-04\/\" class=\"_self\" target=\"_self\" >T-057-04<\/a><\/h4>\n<div class=\"pt-cv-content\">\u00a0 \u00a0 Sentencia T-057\/04 \u00a0 ACCION DE TUTELA CONTRA PROVIDENCIAS JUDICIALES-Procedencia excepcional por v\u00eda de hecho judicial \u00a0 PRINCIPIO NO REFORMATIO IN PEJUS-Vulneraci\u00f3n \u00a0 ACCION DE TUTELA-Improcedencia por existir medio de defensa judicial para impugnar la sentencia laboral de segunda instancia \u00a0 PRINCIPIO NO REFORMATIO IN PEJUS-Agotamiento de recursos ordinarios y subsidiariedad de la tutela\/MEDIO DE DEFENSA JUDICIAL-Recurso de casaci\u00f3n \u00a0 La jurisprudencia actual de la Corte exige que, incluso en los casos en los que se configure el fen\u00f3meno de la reformatio in pejus, el actor agote primero los recursos ordinarios para poder acudir luego al juez de tutela ...<br \/><div class=\"pt-cv-rmwrap\"><a href=\"https:\/\/www.dmsjuridica.com\/buscador_20179478954\/corteconstitucionalcronologico202454587\/t-057-04\/\" class=\"_self pt-cv-readmore btn btn-success\" target=\"_self\">Ver Sentencia Completa...<\/a><\/div><\/div><\/div><\/div>\n<div class=\"col-md-12 col-sm-12 col-xs-12 pt-cv-content-item pt-cv-1-col\" ><div class='pt-cv-ifield'><a href=\"https:\/\/www.dmsjuridica.com\/buscador_20179478954\/corteconstitucionalcronologico202454587\/t-056-04\/\" class=\"_self pt-cv-href-thumbnail pt-cv-thumb-default\" target=\"_self\" ><\/a>\n<div class=\"pt-cv-taxoterm above_title\"><a href='https:\/\/www.dmsjuridica.com\/buscador_20179478954\/corteconstitucionalcronologico202454587\/category\/buscar-en-toda-la-corte\/2004\/tutelas-2004\/' title='Tutelas 2004' class='pt-cv-tax-tutelas-2004'>Tutelas 2004<\/a><\/div>\n<h4 class=\"pt-cv-title\"><a href=\"https:\/\/www.dmsjuridica.com\/buscador_20179478954\/corteconstitucionalcronologico202454587\/t-056-04\/\" class=\"_self\" target=\"_self\" >T-056-04<\/a><\/h4>\n<div class=\"pt-cv-content\">\u00a0 \u00a0 \u00a0 \u00a0 Sentencia T-056\/04 \u00a0 ACCION DE TUTELA CONTRA PROVIDENCIAS JUDICIALES-Procedencia excepcional por v\u00eda de hecho judicial \u00a0 VIA DE HECHO-Clases de defectos en la actuaci\u00f3n \u00a0 AUTONOMIA FUNCIONAL EN INTERPRETACION DE NORMAS-No da lugar a proceso disciplinario sancionatorio \u00a0 AUTONOMIA FUNCIONAL DEL JUEZ-Valoraci\u00f3n de pruebas \u00a0 En cuanto a la valoraci\u00f3n probatoria se refiere, que la autoridad judicial es aut\u00f3noma e independiente en la apreciaci\u00f3n y valoraci\u00f3n de las pruebas, las cuales si bien se desarrollan en el campo de lo discrecional, no pueden alcanzar niveles arbitrarios en su ejercicio. Por el contrario, la discrecionalidad debe ser ...<br \/><div class=\"pt-cv-rmwrap\"><a href=\"https:\/\/www.dmsjuridica.com\/buscador_20179478954\/corteconstitucionalcronologico202454587\/t-056-04\/\" class=\"_self pt-cv-readmore btn btn-success\" target=\"_self\">Ver Sentencia Completa...<\/a><\/div><\/div><\/div><\/div>\n<div class=\"col-md-12 col-sm-12 col-xs-12 pt-cv-content-item pt-cv-1-col\" ><div class='pt-cv-ifield'><a href=\"https:\/\/www.dmsjuridica.com\/buscador_20179478954\/corteconstitucionalcronologico202454587\/t-055-04\/\" class=\"_self pt-cv-href-thumbnail pt-cv-thumb-default\" target=\"_self\" ><\/a>\n<div class=\"pt-cv-taxoterm above_title\"><a href='https:\/\/www.dmsjuridica.com\/buscador_20179478954\/corteconstitucionalcronologico202454587\/category\/buscar-en-toda-la-corte\/2004\/tutelas-2004\/' title='Tutelas 2004' class='pt-cv-tax-tutelas-2004'>Tutelas 2004<\/a><\/div>\n<h4 class=\"pt-cv-title\"><a href=\"https:\/\/www.dmsjuridica.com\/buscador_20179478954\/corteconstitucionalcronologico202454587\/t-055-04\/\" class=\"_self\" target=\"_self\" >T-055-04<\/a><\/h4>\n<div class=\"pt-cv-content\">\u00a0 \u00a0 Sentencia T-055\/04 \u00a0 ACCION DE TUTELA-Protecci\u00f3n de grupo de personas determinable \u00a0 La tutela es un mecanismo id\u00f3neo para la protecci\u00f3n de derechos fundamentales de los individuos. Los titulares de los derechos pueden no estar plenamente identificados en la acci\u00f3n de tutela, pero deben ser al menos determinables. En caso de que lo sean, procede la tutela. \u00a0 DERECHO A LA EDUCACION-Gestiones para provisi\u00f3n de cargos de docentes\/DERECHO A LA EDUCACION-Vulneraci\u00f3n por falta de docentes \u00a0 DERECHO A LA EDUCACION-Permanencia del docente en el periodo lectivo \u00a0 La permanencia en la prestaci\u00f3n del servicio de educaci\u00f3n no solo ...<br \/><div class=\"pt-cv-rmwrap\"><a href=\"https:\/\/www.dmsjuridica.com\/buscador_20179478954\/corteconstitucionalcronologico202454587\/t-055-04\/\" class=\"_self pt-cv-readmore btn btn-success\" target=\"_self\">Ver Sentencia Completa...<\/a><\/div><\/div><\/div><\/div>\n<div class=\"col-md-12 col-sm-12 col-xs-12 pt-cv-content-item pt-cv-1-col\" ><div class='pt-cv-ifield'><a href=\"https:\/\/www.dmsjuridica.com\/buscador_20179478954\/corteconstitucionalcronologico202454587\/t-054-04\/\" class=\"_self pt-cv-href-thumbnail pt-cv-thumb-default\" target=\"_self\" ><\/a>\n<div class=\"pt-cv-taxoterm above_title\"><a href='https:\/\/www.dmsjuridica.com\/buscador_20179478954\/corteconstitucionalcronologico202454587\/category\/buscar-en-toda-la-corte\/2004\/tutelas-2004\/' title='Tutelas 2004' class='pt-cv-tax-tutelas-2004'>Tutelas 2004<\/a><\/div>\n<h4 class=\"pt-cv-title\"><a href=\"https:\/\/www.dmsjuridica.com\/buscador_20179478954\/corteconstitucionalcronologico202454587\/t-054-04\/\" class=\"_self\" target=\"_self\" >T-054-04<\/a><\/h4>\n<div class=\"pt-cv-content\">\u00a0 \u00a0 Sentencia T-054\/04 \u00a0 DERECHO DE PETICION-Alcance \u00a0 DERECHO DE PETICION EN MATERIA PENSIONAL-T\u00e9rminos para resolver\u00a0 \u00a0 DERECHO DE PETICION SOBRE RECONOCIMIENTO DE PENSION-Despu\u00e9s de transcurridos cuatro meses no se ha resuelto la solicitud \u00a0 SEGURO SOCIAL-Obligaci\u00f3n de responder solicitud de reconocimiento de pensi\u00f3n \u00a0 Referencia: expediente T-797612 \u00a0 Peticionario: Mario Tonguino Su\u00e1rez\u00a0 \u00a0 Accionado: I.S.S. Seccional Valle del Cauca \u00a0 Magistrado Ponente:\u00a0 \u00a0 Dr. MARCO GERARDO MONROY CABRA \u00a0 Bogot\u00e1, D. C., veintinueve (29) de enero de dos mil cuatro (2004). \u00a0 La Sala Sexta de la Corte Constitucional, integrada por los Magistrados Eduardo Montealegre Lynett, \u00c1lvaro Tafur ...<br \/><div class=\"pt-cv-rmwrap\"><a href=\"https:\/\/www.dmsjuridica.com\/buscador_20179478954\/corteconstitucionalcronologico202454587\/t-054-04\/\" class=\"_self pt-cv-readmore btn btn-success\" target=\"_self\">Ver Sentencia Completa...<\/a><\/div><\/div><\/div><\/div>\n<div class=\"col-md-12 col-sm-12 col-xs-12 pt-cv-content-item pt-cv-1-col\" ><div class='pt-cv-ifield'><a href=\"https:\/\/www.dmsjuridica.com\/buscador_20179478954\/corteconstitucionalcronologico202454587\/t-053-04\/\" class=\"_self pt-cv-href-thumbnail pt-cv-thumb-default\" target=\"_self\" ><\/a>\n<div class=\"pt-cv-taxoterm above_title\"><a href='https:\/\/www.dmsjuridica.com\/buscador_20179478954\/corteconstitucionalcronologico202454587\/category\/buscar-en-toda-la-corte\/2004\/tutelas-2004\/' title='Tutelas 2004' class='pt-cv-tax-tutelas-2004'>Tutelas 2004<\/a><\/div>\n<h4 class=\"pt-cv-title\"><a href=\"https:\/\/www.dmsjuridica.com\/buscador_20179478954\/corteconstitucionalcronologico202454587\/t-053-04\/\" class=\"_self\" target=\"_self\" >T-053-04<\/a><\/h4>\n<div class=\"pt-cv-content\">\u00a0 \u00a0 Sentencia T-053\/04 \u00a0 INAPLICACION DE NORMAS DEL PLAN OBLIGATORIO DE SALUD-Casos en que procede por exclusi\u00f3n de tratamientos y medicamentos de alto costo \u00a0 COMITE TECNICO CIENTIFICO DE LA EPS-Su concepto no es requisito indispensable para otorgar medicamentos o tratamientos \u00a0 El concepto de este Comit\u00e9 no es un requisito indispensable para que el medicamento o tratamiento requerido por el usuario sea otorgado. \u201cEl Comit\u00e9 T\u00e9cnico Cient\u00edfico, pese a su nombre, no es en estricto sentido un \u00f3rgano de car\u00e1cter t\u00e9cnico. No se trata, por ejemplo, de un grupo de m\u00e9dicos que tienen como funci\u00f3n someter a revisi\u00f3n ...<br \/><div class=\"pt-cv-rmwrap\"><a href=\"https:\/\/www.dmsjuridica.com\/buscador_20179478954\/corteconstitucionalcronologico202454587\/t-053-04\/\" class=\"_self pt-cv-readmore btn btn-success\" target=\"_self\">Ver Sentencia Completa...<\/a><\/div><\/div><\/div><\/div>\n<div class=\"col-md-12 col-sm-12 col-xs-12 pt-cv-content-item pt-cv-1-col\" ><div class='pt-cv-ifield'><a href=\"https:\/\/www.dmsjuridica.com\/buscador_20179478954\/corteconstitucionalcronologico202454587\/t-052-04\/\" class=\"_self pt-cv-href-thumbnail pt-cv-thumb-default\" target=\"_self\" ><\/a>\n<div class=\"pt-cv-taxoterm above_title\"><a href='https:\/\/www.dmsjuridica.com\/buscador_20179478954\/corteconstitucionalcronologico202454587\/category\/buscar-en-toda-la-corte\/2004\/tutelas-2004\/' title='Tutelas 2004' class='pt-cv-tax-tutelas-2004'>Tutelas 2004<\/a><\/div>\n<h4 class=\"pt-cv-title\"><a href=\"https:\/\/www.dmsjuridica.com\/buscador_20179478954\/corteconstitucionalcronologico202454587\/t-052-04\/\" class=\"_self\" target=\"_self\" >T-052-04<\/a><\/h4>\n<div class=\"pt-cv-content\">\u00a0 \u00a0 Sentencia T-052\/04 \u00a0 ACCION DE TUTELA-T\u00e9rmino razonable de presentaci\u00f3n\/ACCION DE TUTELA-Inmediatez \u00a0 ACCION DE TUTELA-Improcedencia por no ejercicio oportuno de acciones judiciales \u00a0 ACCION DE TUTELA-Improcedencia para revivir t\u00e9rminos judiciales \u00a0 DERECHO A LA SEGURIDAD SOCIAL EN SALUD-Afiliaci\u00f3n\/DEBER DE SOLIDARIDAD-Asistencia por la familia en el acceso a la atenci\u00f3n m\u00e9dica \u00a0 El demandante, como todos las personas en el pa\u00eds, tiene derecho a estar vinculado en el sistema de seguridad social en salud, sea cual fuere el r\u00e9gimen en el que se afilie, contributivo o subsidiado, seg\u00fan la capacidad econ\u00f3mica de \u00e9l o de su familia. Adem\u00e1s, existe ...<br \/><div class=\"pt-cv-rmwrap\"><a href=\"https:\/\/www.dmsjuridica.com\/buscador_20179478954\/corteconstitucionalcronologico202454587\/t-052-04\/\" class=\"_self pt-cv-readmore btn btn-success\" target=\"_self\">Ver Sentencia Completa...<\/a><\/div><\/div><\/div><\/div>\n<div class=\"col-md-12 col-sm-12 col-xs-12 pt-cv-content-item pt-cv-1-col\" ><div class='pt-cv-ifield'><a href=\"https:\/\/www.dmsjuridica.com\/buscador_20179478954\/corteconstitucionalcronologico202454587\/t-051-04\/\" class=\"_self pt-cv-href-thumbnail pt-cv-thumb-default\" target=\"_self\" ><\/a>\n<div class=\"pt-cv-taxoterm above_title\"><a href='https:\/\/www.dmsjuridica.com\/buscador_20179478954\/corteconstitucionalcronologico202454587\/category\/buscar-en-toda-la-corte\/2004\/tutelas-2004\/' title='Tutelas 2004' class='pt-cv-tax-tutelas-2004'>Tutelas 2004<\/a><\/div>\n<h4 class=\"pt-cv-title\"><a href=\"https:\/\/www.dmsjuridica.com\/buscador_20179478954\/corteconstitucionalcronologico202454587\/t-051-04\/\" class=\"_self\" target=\"_self\" >T-051-04<\/a><\/h4>\n<div class=\"pt-cv-content\">\u00a0 \u00a0 Sentencia T-051\/04 \u00a0 ACCION DE TUTELA-Procedencia excepcional pago de acreencias laborales \u00a0 DERECHO A LA PENSION DE JUBILACION-Pago de aportes al ISS de trabajador que fue reportado como desvinculado cuando no lo estaba \u00a0 EMPRESA EN LIQUIDACION-Gerente liquidador debe sufragar aportes al ISS de trabajador reportado como desvinculado cuando no lo estaba \u00a0 Referencia: expediente T-742003 \u00a0 Magistrado Ponente:\u00a0 \u00a0 Dr. MANUEL JOS\u00c9 CEPEDA ESPINOSA \u00a0 Bogot\u00e1, D. C., veintinueve (29) de enero de dos mil cuatro (2004). \u00a0 La Sala Tercera de Revisi\u00f3n de la Corte Constitucional, integrada por los magistrados, Manuel Jos\u00e9 Cepeda Espinosa, Jaime C\u00f3rdoba ...<br \/><div class=\"pt-cv-rmwrap\"><a href=\"https:\/\/www.dmsjuridica.com\/buscador_20179478954\/corteconstitucionalcronologico202454587\/t-051-04\/\" class=\"_self pt-cv-readmore btn btn-success\" target=\"_self\">Ver Sentencia Completa...<\/a><\/div><\/div><\/div><\/div>\n<div class=\"col-md-12 col-sm-12 col-xs-12 pt-cv-content-item pt-cv-1-col\" ><div class='pt-cv-ifield'><a href=\"https:\/\/www.dmsjuridica.com\/buscador_20179478954\/corteconstitucionalcronologico202454587\/t-050-04\/\" class=\"_self pt-cv-href-thumbnail pt-cv-thumb-default\" target=\"_self\" ><\/a>\n<div class=\"pt-cv-taxoterm above_title\"><a href='https:\/\/www.dmsjuridica.com\/buscador_20179478954\/corteconstitucionalcronologico202454587\/category\/buscar-en-toda-la-corte\/2004\/tutelas-2004\/' title='Tutelas 2004' class='pt-cv-tax-tutelas-2004'>Tutelas 2004<\/a><\/div>\n<h4 class=\"pt-cv-title\"><a href=\"https:\/\/www.dmsjuridica.com\/buscador_20179478954\/corteconstitucionalcronologico202454587\/t-050-04\/\" class=\"_self\" target=\"_self\" >T-050-04<\/a><\/h4>\n<div class=\"pt-cv-content\">\u00a0 \u00a0 Sentencia T-050\/04 \u00a0 DERECHO AL MINIMO VITAL DEL PENSIONADO-Vulneraci\u00f3n por no emisi\u00f3n del bono pensional \u00a0 ACCION DE TUTELA-Improcedencia excepcional para reconocimiento de derechos pensionales \u00a0 ACCION DE TUTELA-Inexistencia de perjuicio irremediable \u00a0 Reiteraci\u00f3n de Jurisprudencia \u00a0 Referencia: expediente T-793577 \u00a0 Acci\u00f3n de tutela instaurada por Luis Eduardo Gil S\u00e1nchez contra el Seguro Social Seccional Antioquia. \u00a0 Magistrado Ponente: \u00a0 Dr. JAIME C\u00d3RDOBA TRIVI\u00d1O \u00a0 Bogot\u00e1 D. C., veintinueve (29) de enero de dos mil cuatro (2004). \u00a0 La Sala Cuarta de Revisi\u00f3n de la Corte Constitucional, en ejercicio de sus competencias constitucionales y legales, espec\u00edficamente las previstas ...<br \/><div class=\"pt-cv-rmwrap\"><a href=\"https:\/\/www.dmsjuridica.com\/buscador_20179478954\/corteconstitucionalcronologico202454587\/t-050-04\/\" class=\"_self pt-cv-readmore btn btn-success\" target=\"_self\">Ver Sentencia Completa...<\/a><\/div><\/div><\/div><\/div>\n<div class=\"col-md-12 col-sm-12 col-xs-12 pt-cv-content-item pt-cv-1-col\" ><div class='pt-cv-ifield'><a href=\"https:\/\/www.dmsjuridica.com\/buscador_20179478954\/corteconstitucionalcronologico202454587\/t-049-04\/\" class=\"_self pt-cv-href-thumbnail pt-cv-thumb-default\" target=\"_self\" ><\/a>\n<div class=\"pt-cv-taxoterm above_title\"><a href='https:\/\/www.dmsjuridica.com\/buscador_20179478954\/corteconstitucionalcronologico202454587\/category\/buscar-en-toda-la-corte\/2004\/tutelas-2004\/' title='Tutelas 2004' class='pt-cv-tax-tutelas-2004'>Tutelas 2004<\/a><\/div>\n<h4 class=\"pt-cv-title\"><a href=\"https:\/\/www.dmsjuridica.com\/buscador_20179478954\/corteconstitucionalcronologico202454587\/t-049-04\/\" class=\"_self\" target=\"_self\" >T-049-04<\/a><\/h4>\n<div class=\"pt-cv-content\">\u00a0 \u00a0 Sentencia T-049\/04 \u00a0 HABEAS DATA-Alcance \u00a0 BANCO DE DATOS-L\u00edmites a la recopilaci\u00f3n de informaci\u00f3n financiera \u00a0 El ejercicio de la actividad de recopilaci\u00f3n, tratamiento y circulaci\u00f3n de reportes sobre riesgo crediticio carece de alcance ilimitado, pues ello afectar\u00eda el goce de los derechos a la intimidad personal y familiar y al buen nombre. Entonces, con el fin que estos derechos sean salvaguardados, la jurisprudencia constitucional ha establecido restricciones definidas a la recopilaci\u00f3n de informaci\u00f3n financiera, l\u00edmites que se derivan del derecho fundamental al h\u00e1beas data \u00a0 CADUCIDAD DEL DATO-L\u00edmite temporal\/BANCO DE DATOS-L\u00edmite temporal de datos negativos \u00a0 ADMINISTRACION ...<br \/><div class=\"pt-cv-rmwrap\"><a href=\"https:\/\/www.dmsjuridica.com\/buscador_20179478954\/corteconstitucionalcronologico202454587\/t-049-04\/\" class=\"_self pt-cv-readmore btn btn-success\" target=\"_self\">Ver Sentencia Completa...<\/a><\/div><\/div><\/div><\/div>\n<div class=\"col-md-12 col-sm-12 col-xs-12 pt-cv-content-item pt-cv-1-col\" ><div class='pt-cv-ifield'><a href=\"https:\/\/www.dmsjuridica.com\/buscador_20179478954\/corteconstitucionalcronologico202454587\/t-036-04\/\" class=\"_self pt-cv-href-thumbnail pt-cv-thumb-default\" target=\"_self\" ><\/a>\n<div class=\"pt-cv-taxoterm above_title\"><a href='https:\/\/www.dmsjuridica.com\/buscador_20179478954\/corteconstitucionalcronologico202454587\/category\/buscar-en-toda-la-corte\/2004\/tutelas-2004\/' title='Tutelas 2004' class='pt-cv-tax-tutelas-2004'>Tutelas 2004<\/a><\/div>\n<h4 class=\"pt-cv-title\"><a href=\"https:\/\/www.dmsjuridica.com\/buscador_20179478954\/corteconstitucionalcronologico202454587\/t-036-04\/\" class=\"_self\" target=\"_self\" >T-036-04<\/a><\/h4>\n<div class=\"pt-cv-content\">\u00a0 \u00a0 Sentencia T-036\/04 \u00a0 DERECHO A LA SALUD-Fundamental por conexidad \u00a0 DERECHO A LA VIDA-Implica condiciones dignas \u00a0 El derecho a la vida no consiste en la simple existencia biol\u00f3gica, sino que implica, adem\u00e1s, la posibilidad de que el individuo lleve una vida en condiciones dignas a todo ser humano, lo m\u00e1s lejano posible al sufrimiento, de manera que pueda desempe\u00f1arse normalmente en sociedad. La negaci\u00f3n de este derecho, es la prolongaci\u00f3n de dolencias f\u00edsicas, la generaci\u00f3n de nuevos malestares y el mantenimiento de un estado de enfermedad, cuando es perfectamente posible mejorarla en aras de obtener una optima ...<br \/><div class=\"pt-cv-rmwrap\"><a href=\"https:\/\/www.dmsjuridica.com\/buscador_20179478954\/corteconstitucionalcronologico202454587\/t-036-04\/\" class=\"_self pt-cv-readmore btn btn-success\" target=\"_self\">Ver Sentencia Completa...<\/a><\/div><\/div><\/div><\/div>\n<div class=\"col-md-12 col-sm-12 col-xs-12 pt-cv-content-item pt-cv-1-col\" ><div class='pt-cv-ifield'><a href=\"https:\/\/www.dmsjuridica.com\/buscador_20179478954\/corteconstitucionalcronologico202454587\/t-035-04\/\" class=\"_self pt-cv-href-thumbnail pt-cv-thumb-default\" target=\"_self\" ><\/a>\n<div class=\"pt-cv-taxoterm above_title\"><a href='https:\/\/www.dmsjuridica.com\/buscador_20179478954\/corteconstitucionalcronologico202454587\/category\/buscar-en-toda-la-corte\/2004\/tutelas-2004\/' title='Tutelas 2004' class='pt-cv-tax-tutelas-2004'>Tutelas 2004<\/a><\/div>\n<h4 class=\"pt-cv-title\"><a href=\"https:\/\/www.dmsjuridica.com\/buscador_20179478954\/corteconstitucionalcronologico202454587\/t-035-04\/\" class=\"_self\" target=\"_self\" >T-035-04<\/a><\/h4>\n<div class=\"pt-cv-content\">\u00a0 \u00a0 Sentencia T-035\/04 \u00a0 AUTONOMIA UNIVERSITARIA-Definici\u00f3n de criterios y sistema de calificaci\u00f3n de estudiantes \u00a0 AUTONOMIA UNIVERSITARIA-Exigencia de requisitos que garanticen la mejor calidad de educaci\u00f3n \u00a0 AUTONOMIA UNIVERSITARIA-Libertad de exigir pruebas de conocimiento, preparatorios, cursos e idiomas \u00a0 ABOGADO-Posibilidad de las universidades de exigir mayores requisitos para obtener el grado \u00a0 UNIVERSIDAD-Fijaci\u00f3n de ex\u00e1menes preparatorios para obtener t\u00edtulo de abogado \u00a0 DERECHO A LA EDUCACION-Implica el deber de cumplir los reglamentos educativos \u00a0 FALLO DE TUTELA-Competencia exclusiva de la Corte para fijar alcance de los fallos\/CORTE CONSTITUCIONAL-Competencia para darle efectos Inter pares a sus providencias\/SENTENCIA DE LA CORTE ...<br \/><div class=\"pt-cv-rmwrap\"><a href=\"https:\/\/www.dmsjuridica.com\/buscador_20179478954\/corteconstitucionalcronologico202454587\/t-035-04\/\" class=\"_self pt-cv-readmore btn btn-success\" target=\"_self\">Ver Sentencia Completa...<\/a><\/div><\/div><\/div><\/div>\n<div class=\"col-md-12 col-sm-12 col-xs-12 pt-cv-content-item pt-cv-1-col\" ><div class='pt-cv-ifield'><a href=\"https:\/\/www.dmsjuridica.com\/buscador_20179478954\/corteconstitucionalcronologico202454587\/t-034-04\/\" class=\"_self pt-cv-href-thumbnail pt-cv-thumb-default\" target=\"_self\" ><\/a>\n<div class=\"pt-cv-taxoterm above_title\"><a href='https:\/\/www.dmsjuridica.com\/buscador_20179478954\/corteconstitucionalcronologico202454587\/category\/buscar-en-toda-la-corte\/2004\/tutelas-2004\/' title='Tutelas 2004' class='pt-cv-tax-tutelas-2004'>Tutelas 2004<\/a><\/div>\n<h4 class=\"pt-cv-title\"><a href=\"https:\/\/www.dmsjuridica.com\/buscador_20179478954\/corteconstitucionalcronologico202454587\/t-034-04\/\" class=\"_self\" target=\"_self\" >T-034-04<\/a><\/h4>\n<div class=\"pt-cv-content\">\u00a0 \u00a0 Sentencia T-034\/04 \u00a0 DERECHO A LA IGUALDAD-Alcance\/DERECHO A LA IGUALDAD-Tratamiento distinto a situaciones diferentes no constituye discriminaci\u00f3n \u00a0 DERECHO A LA IGUALDAD-Justificaci\u00f3n de trato diferente \u00a0 ESTADO-Protecci\u00f3n del espacio p\u00fablico \u00a0 ESPACIO PUBLICO-Prevalencia del inter\u00e9s general sobre el particular \u00a0 ESPACIO PUBLICO-Alcance \u00a0 ESPACIO PUBLICO-No puede ser objeto de apropiaci\u00f3n por particulares \u00a0 PRINCIPIO DE LA CONFIANZA LEGITIMA-Concepto \u00a0 PRINCIPIO DE LA CONFIANZA LEGITIMA-Protecci\u00f3n en la restituci\u00f3n del espacio p\u00fablico \u00a0 El principio de la confianza leg\u00edtima ha sido utilizado por la jurisprudencia como un mecanismo para armonizar y conciliar el inter\u00e9s general, que se concreta en el ...<br \/><div class=\"pt-cv-rmwrap\"><a href=\"https:\/\/www.dmsjuridica.com\/buscador_20179478954\/corteconstitucionalcronologico202454587\/t-034-04\/\" class=\"_self pt-cv-readmore btn btn-success\" target=\"_self\">Ver Sentencia Completa...<\/a><\/div><\/div><\/div><\/div>\n<div class=\"col-md-12 col-sm-12 col-xs-12 pt-cv-content-item pt-cv-1-col\" ><div class='pt-cv-ifield'><a href=\"https:\/\/www.dmsjuridica.com\/buscador_20179478954\/corteconstitucionalcronologico202454587\/t-033-04\/\" class=\"_self pt-cv-href-thumbnail pt-cv-thumb-default\" target=\"_self\" ><\/a>\n<div class=\"pt-cv-taxoterm above_title\"><a href='https:\/\/www.dmsjuridica.com\/buscador_20179478954\/corteconstitucionalcronologico202454587\/category\/buscar-en-toda-la-corte\/2004\/tutelas-2004\/' title='Tutelas 2004' class='pt-cv-tax-tutelas-2004'>Tutelas 2004<\/a><\/div>\n<h4 class=\"pt-cv-title\"><a href=\"https:\/\/www.dmsjuridica.com\/buscador_20179478954\/corteconstitucionalcronologico202454587\/t-033-04\/\" class=\"_self\" target=\"_self\" >T-033-04<\/a><\/h4>\n<div class=\"pt-cv-content\">\u00a0 \u00a0 Sentencia T-033\/04 \u00a0 PENSION DE INVALIDEZ-Fundamental por conexidad\u00a0 \u00a0 JUNTA DE CALIFICACION DE INVALIDEZ-Determinaci\u00f3n de la p\u00e9rdida de capacidad laboral \u00a0 JUNTA DE CALIFICACION DE INVALIDEZ-Honorarios corresponde reconocerlos a la entidad de previsi\u00f3n a que est\u00e9 afiliado al solicitante \u00a0 ACCION DE TUTELA-Cumplimiento de obligaciones de hacer ordenadas en providencias judiciales\/DERECHO DE ACCESO A LA ADMINISTRACION DE JUSTICIA-Cumplimiento de lo ordenado por los jueces \u00a0 La acci\u00f3n de tutela es un instrumento adecuado para lograr el cumplimiento de las obligaciones de hacer ordenadas en sentencia judicial o en \u00a0auto. El principio que la sustenta es el de la ...<br \/><div class=\"pt-cv-rmwrap\"><a href=\"https:\/\/www.dmsjuridica.com\/buscador_20179478954\/corteconstitucionalcronologico202454587\/t-033-04\/\" class=\"_self pt-cv-readmore btn btn-success\" target=\"_self\">Ver Sentencia Completa...<\/a><\/div><\/div><\/div><\/div>\n<div class=\"col-md-12 col-sm-12 col-xs-12 pt-cv-content-item pt-cv-1-col\" ><div class='pt-cv-ifield'><a href=\"https:\/\/www.dmsjuridica.com\/buscador_20179478954\/corteconstitucionalcronologico202454587\/t-032-04\/\" class=\"_self pt-cv-href-thumbnail pt-cv-thumb-default\" target=\"_self\" ><\/a>\n<div class=\"pt-cv-taxoterm above_title\"><a href='https:\/\/www.dmsjuridica.com\/buscador_20179478954\/corteconstitucionalcronologico202454587\/category\/buscar-en-toda-la-corte\/2004\/tutelas-2004\/' title='Tutelas 2004' class='pt-cv-tax-tutelas-2004'>Tutelas 2004<\/a><\/div>\n<h4 class=\"pt-cv-title\"><a href=\"https:\/\/www.dmsjuridica.com\/buscador_20179478954\/corteconstitucionalcronologico202454587\/t-032-04\/\" class=\"_self\" target=\"_self\" >T-032-04<\/a><\/h4>\n<div class=\"pt-cv-content\">\u00a0 \u00a0 Sentencia T-032\/04 \u00a0 ACCION DE TUTELA-Carencia actual de objeto por cuanto el examen medico ya se realiz\u00f3 \u00a0 ACCION DE TUTELA-Improcedencia reembolso de dineros por asunci\u00f3n de costos m\u00e9dicos\/MEDIO DE DEFENSA JUDICIAL-Reembolso de dineros por asunci\u00f3n de costos m\u00e9dicos \u00a0 Referencia: expediente: T-804584 \u00a0 Procedencia: Juzgado Treinta y dos Penal Municipal de Medell\u00edn \u00a0 Magistrado Ponente:\u00a0 \u00a0 Dr. MARCO GERARDO MONROY CABRA \u00a0 Bogot\u00e1 D. C., veintidos (22) de enero de dos mil cuatro (2004). \u00a0 La Sala Sexta de Revisi\u00f3n de la Corte Constitucional, integrada por los Magistrados doctores, Eduardo Montealegre Lynnet, Alvaro Tafur Galvis y Marco ...<br \/><div class=\"pt-cv-rmwrap\"><a href=\"https:\/\/www.dmsjuridica.com\/buscador_20179478954\/corteconstitucionalcronologico202454587\/t-032-04\/\" class=\"_self pt-cv-readmore btn btn-success\" target=\"_self\">Ver Sentencia Completa...<\/a><\/div><\/div><\/div><\/div>\n<div class=\"col-md-12 col-sm-12 col-xs-12 pt-cv-content-item pt-cv-1-col\" ><div class='pt-cv-ifield'><a href=\"https:\/\/www.dmsjuridica.com\/buscador_20179478954\/corteconstitucionalcronologico202454587\/t-031-04\/\" class=\"_self pt-cv-href-thumbnail pt-cv-thumb-default\" target=\"_self\" ><\/a>\n<div class=\"pt-cv-taxoterm above_title\"><a href='https:\/\/www.dmsjuridica.com\/buscador_20179478954\/corteconstitucionalcronologico202454587\/category\/buscar-en-toda-la-corte\/2004\/tutelas-2004\/' title='Tutelas 2004' class='pt-cv-tax-tutelas-2004'>Tutelas 2004<\/a><\/div>\n<h4 class=\"pt-cv-title\"><a href=\"https:\/\/www.dmsjuridica.com\/buscador_20179478954\/corteconstitucionalcronologico202454587\/t-031-04\/\" class=\"_self\" target=\"_self\" >T-031-04<\/a><\/h4>\n<div class=\"pt-cv-content\">\u00a0 \u00a0 Sentencia T-031\/04 \u00a0 ACCION DE TUTELA-Hecho superado por pago de mesadas de pensi\u00f3n de sobrevivientes a hija invalida \u00a0 Referencia: experiencia T-789201 \u00a0 Peticionario: Doris Altahona Rua \u00a0 Accionado: Polic\u00eda Nacional \u00a0 Magistrado Ponente:\u00a0 \u00a0 Dr. MARCO GERARDO MONROY CABRA \u00a0 Bogot\u00e1 D. C., veintid\u00f3s \u00a0(22) \u00a0de enero de dos mil cuatro (2004). \u00a0 La Sala Sexta de la Corte Constitucional, integrada por los Magistrados Eduardo Montealegre Lynett, \u00c1lvaro Tafur Galvis y Marco Gerardo Monroy Cabra, quien la preside, \u00a0en ejercicio de sus competencias constitucionales y legales ha pronunciado la siguiente\u00a0 \u00a0 SENTENCIA \u00a0 En el proceso de ...<br \/><div class=\"pt-cv-rmwrap\"><a href=\"https:\/\/www.dmsjuridica.com\/buscador_20179478954\/corteconstitucionalcronologico202454587\/t-031-04\/\" class=\"_self pt-cv-readmore btn btn-success\" target=\"_self\">Ver Sentencia Completa...<\/a><\/div><\/div><\/div><\/div>\n<div class=\"col-md-12 col-sm-12 col-xs-12 pt-cv-content-item pt-cv-1-col\" ><div class='pt-cv-ifield'><a href=\"https:\/\/www.dmsjuridica.com\/buscador_20179478954\/corteconstitucionalcronologico202454587\/t-030-04\/\" class=\"_self pt-cv-href-thumbnail pt-cv-thumb-default\" target=\"_self\" ><\/a>\n<div class=\"pt-cv-taxoterm above_title\"><a href='https:\/\/www.dmsjuridica.com\/buscador_20179478954\/corteconstitucionalcronologico202454587\/category\/buscar-en-toda-la-corte\/2004\/tutelas-2004\/' title='Tutelas 2004' class='pt-cv-tax-tutelas-2004'>Tutelas 2004<\/a><\/div>\n<h4 class=\"pt-cv-title\"><a href=\"https:\/\/www.dmsjuridica.com\/buscador_20179478954\/corteconstitucionalcronologico202454587\/t-030-04\/\" class=\"_self\" target=\"_self\" >T-030-04<\/a><\/h4>\n<div class=\"pt-cv-content\">\u00a0 \u00a0 Sentencia T-030\/04 \u00a0 TATUAJE-Evoluci\u00f3n hist\u00f3rica \u00a0 INPEC-No consider\u00f3 apto al accionante para curso de dragoneante por tener tatuaje en el brazo \u00a0 ACTO ADMINISTRATIVO DEL INPEC-Inaplicaci\u00f3n por ser contrario a la Constituci\u00f3n \u00a0 Dado que la decisi\u00f3n del INPEC se basa en una disposici\u00f3n contenida en un acto administrativo expedido por la Escuela Penitenciaria Nacional \u201cEnrique Low Murtra\u201d, la Sala considera que aqu\u00e9lla es manifiestamente contraria a la Carta Pol\u00edtica, y que por ende, debe inaplicarla en el caso concreto, y prevenir a la autoridad p\u00fablica que la expidi\u00f3 para que la inaplique en el futuro a situaciones ...<br \/><div class=\"pt-cv-rmwrap\"><a href=\"https:\/\/www.dmsjuridica.com\/buscador_20179478954\/corteconstitucionalcronologico202454587\/t-030-04\/\" class=\"_self pt-cv-readmore btn btn-success\" target=\"_self\">Ver Sentencia Completa...<\/a><\/div><\/div><\/div><\/div>\n<div class=\"col-md-12 col-sm-12 col-xs-12 pt-cv-content-item pt-cv-1-col\" ><div class='pt-cv-ifield'><a href=\"https:\/\/www.dmsjuridica.com\/buscador_20179478954\/corteconstitucionalcronologico202454587\/t-029-04\/\" class=\"_self pt-cv-href-thumbnail pt-cv-thumb-default\" target=\"_self\" ><\/a>\n<div class=\"pt-cv-taxoterm above_title\"><a href='https:\/\/www.dmsjuridica.com\/buscador_20179478954\/corteconstitucionalcronologico202454587\/category\/buscar-en-toda-la-corte\/2004\/tutelas-2004\/' title='Tutelas 2004' class='pt-cv-tax-tutelas-2004'>Tutelas 2004<\/a><\/div>\n<h4 class=\"pt-cv-title\"><a href=\"https:\/\/www.dmsjuridica.com\/buscador_20179478954\/corteconstitucionalcronologico202454587\/t-029-04\/\" class=\"_self\" target=\"_self\" >T-029-04<\/a><\/h4>\n<div class=\"pt-cv-content\">\u00a0 \u00a0 Sentencia T-029\/04 \u00a0 FUERO SINDICAL-Definici\u00f3n \u00a0 FUERO SINDICAL-Acciones interpuestas por el empleador y por el trabajador \u00a0 Las cuestiones atinentes al fuero sindical es decir su levantamiento por justa causa y el restablecimiento de las condiciones del trabajador aforado despedido sin permiso del juez laboral, se resuelven mediante sendos procedimientos especiales, el primero a cargo del patrono interesado en obtener del juez laboral el permiso que le permitir\u00e1 despedir o desmejorar las condiciones del trabajador aforado, y el otro por cuenta del trabajador, quien deber\u00e1 promover acci\u00f3n contra el patrono que actu\u00f3 sin cumplir el anterior requisito.\u00a0 \u00a0 ...<br \/><div class=\"pt-cv-rmwrap\"><a href=\"https:\/\/www.dmsjuridica.com\/buscador_20179478954\/corteconstitucionalcronologico202454587\/t-029-04\/\" class=\"_self pt-cv-readmore btn btn-success\" target=\"_self\">Ver Sentencia Completa...<\/a><\/div><\/div><\/div><\/div>\n<div class=\"col-md-12 col-sm-12 col-xs-12 pt-cv-content-item pt-cv-1-col\" ><div class='pt-cv-ifield'><a href=\"https:\/\/www.dmsjuridica.com\/buscador_20179478954\/corteconstitucionalcronologico202454587\/t-028-04\/\" class=\"_self pt-cv-href-thumbnail pt-cv-thumb-default\" target=\"_self\" ><\/a>\n<div class=\"pt-cv-taxoterm above_title\"><a href='https:\/\/www.dmsjuridica.com\/buscador_20179478954\/corteconstitucionalcronologico202454587\/category\/buscar-en-toda-la-corte\/2004\/tutelas-2004\/' title='Tutelas 2004' class='pt-cv-tax-tutelas-2004'>Tutelas 2004<\/a><\/div>\n<h4 class=\"pt-cv-title\"><a href=\"https:\/\/www.dmsjuridica.com\/buscador_20179478954\/corteconstitucionalcronologico202454587\/t-028-04\/\" class=\"_self\" target=\"_self\" >T-028-04<\/a><\/h4>\n<div class=\"pt-cv-content\">\u00a0 \u00a0 Sentencia T-028\/04 \u00a0 DECLARACION DE AUSENCIA-Objeto\/DECLARACION DE AUSENCIA-Designaci\u00f3n de curador para sus bienes \u00a0 El curador para el proceso, y el que se da a los bienes del ausente difieren por la oportunidad en que ocurre su designaci\u00f3n, porque el primero es nombrado en el auto que admite la demanda de ausencia, mientras el curador para los bienes se designa en la sentencia. Otro aspecto de distinci\u00f3n tiene que ver con los requisitos para su ejercicio, dado que la curadur\u00eda para la litis se ejerce previo el nombramiento y la notificaci\u00f3n, en tanto el curador de bienes del ...<br \/><div class=\"pt-cv-rmwrap\"><a href=\"https:\/\/www.dmsjuridica.com\/buscador_20179478954\/corteconstitucionalcronologico202454587\/t-028-04\/\" class=\"_self pt-cv-readmore btn btn-success\" target=\"_self\">Ver Sentencia Completa...<\/a><\/div><\/div><\/div><\/div>\n<div class=\"col-md-12 col-sm-12 col-xs-12 pt-cv-content-item pt-cv-1-col\" ><div class='pt-cv-ifield'><a href=\"https:\/\/www.dmsjuridica.com\/buscador_20179478954\/corteconstitucionalcronologico202454587\/t-027-04\/\" class=\"_self pt-cv-href-thumbnail pt-cv-thumb-default\" target=\"_self\" ><\/a>\n<div class=\"pt-cv-taxoterm above_title\"><a href='https:\/\/www.dmsjuridica.com\/buscador_20179478954\/corteconstitucionalcronologico202454587\/category\/buscar-en-toda-la-corte\/2004\/tutelas-2004\/' title='Tutelas 2004' class='pt-cv-tax-tutelas-2004'>Tutelas 2004<\/a><\/div>\n<h4 class=\"pt-cv-title\"><a href=\"https:\/\/www.dmsjuridica.com\/buscador_20179478954\/corteconstitucionalcronologico202454587\/t-027-04\/\" class=\"_self\" target=\"_self\" >T-027-04<\/a><\/h4>\n<div class=\"pt-cv-content\">\u00a0 \u00a0 Sentencia T-027\/04 \u00a0 REVISION DE SENTENCIA PENAL-No se puede obligar a iniciarla por errores cometidos en la investigaci\u00f3n\/PROCESO PENAL-Suplantaci\u00f3n de identidad para cometer delitos \u00a0 El actor no puede ser obligado a iniciar una acci\u00f3n de revisi\u00f3n, con miras a que el Estado pueda enmendar los errores cometidos dentro de la investigaci\u00f3n y definici\u00f3n de la causa criminal que lo conden\u00f3 por una conducta que no cometi\u00f3, porque el nombrado es titular del derecho inalienable a la libertad, y la acci\u00f3n de tutela fue establecida para restablecerlo, en forma inmediata.\u00a0 \u00a0 VIA DE HECHO-Condena del actor por delito ...<br \/><div class=\"pt-cv-rmwrap\"><a href=\"https:\/\/www.dmsjuridica.com\/buscador_20179478954\/corteconstitucionalcronologico202454587\/t-027-04\/\" class=\"_self pt-cv-readmore btn btn-success\" target=\"_self\">Ver Sentencia Completa...<\/a><\/div><\/div><\/div><\/div>\n<div class=\"col-md-12 col-sm-12 col-xs-12 pt-cv-content-item pt-cv-1-col\" ><div class='pt-cv-ifield'><a href=\"https:\/\/www.dmsjuridica.com\/buscador_20179478954\/corteconstitucionalcronologico202454587\/t-026-04\/\" class=\"_self pt-cv-href-thumbnail pt-cv-thumb-default\" target=\"_self\" ><\/a>\n<div class=\"pt-cv-taxoterm above_title\"><a href='https:\/\/www.dmsjuridica.com\/buscador_20179478954\/corteconstitucionalcronologico202454587\/category\/buscar-en-toda-la-corte\/2004\/tutelas-2004\/' title='Tutelas 2004' class='pt-cv-tax-tutelas-2004'>Tutelas 2004<\/a><\/div>\n<h4 class=\"pt-cv-title\"><a href=\"https:\/\/www.dmsjuridica.com\/buscador_20179478954\/corteconstitucionalcronologico202454587\/t-026-04\/\" class=\"_self\" target=\"_self\" >T-026-04<\/a><\/h4>\n<div class=\"pt-cv-content\">\u00a0 \u00a0 Sentencia T-026\/04 \u00a0 PERSONERO MUNICIPAL-Legitimaci\u00f3n para interponer tutela \u00a0 SEGURO SOCIAL-Obligaci\u00f3n de resolver petici\u00f3n sobre reconocimiento de pensi\u00f3n \u00a0 Referencia: expediente T-794432 \u00a0 Acci\u00f3n de tutela presentada por Herm\u00e1n Arias Gaviria, obrando como Personero de Bogot\u00e1, en nombre y representaci\u00f3n de la se\u00f1ora Alicia Mar\u00eda Barrios de Zapata, contra el Seguro Social - Secci\u00f3n Pensiones. \u00a0 Magistrado Ponente:\u00a0 \u00a0 Dr. ALFREDO BELTR\u00c1N SIERRA \u00a0 Bogot\u00e1, D. C., \u00a0veintid\u00f3s (22) de enero de dos mil cuatro (2004). \u00a0 La Sala Segunda de Revisi\u00f3n de la Corte Constitucional, integrada por los magistrados Alfredo Beltr\u00e1n Sierra, Manuel Jos\u00e9 Cepeda Espinosa y ...<br \/><div class=\"pt-cv-rmwrap\"><a href=\"https:\/\/www.dmsjuridica.com\/buscador_20179478954\/corteconstitucionalcronologico202454587\/t-026-04\/\" class=\"_self pt-cv-readmore btn btn-success\" target=\"_self\">Ver Sentencia Completa...<\/a><\/div><\/div><\/div><\/div>\n<div class=\"col-md-12 col-sm-12 col-xs-12 pt-cv-content-item pt-cv-1-col\" ><div class='pt-cv-ifield'><a href=\"https:\/\/www.dmsjuridica.com\/buscador_20179478954\/corteconstitucionalcronologico202454587\/t-025-04\/\" class=\"_self pt-cv-href-thumbnail pt-cv-thumb-default\" target=\"_self\" ><\/a>\n<div class=\"pt-cv-taxoterm above_title\"><a href='https:\/\/www.dmsjuridica.com\/buscador_20179478954\/corteconstitucionalcronologico202454587\/category\/buscar-en-toda-la-corte\/2004\/tutelas-2004\/' title='Tutelas 2004' class='pt-cv-tax-tutelas-2004'>Tutelas 2004<\/a><\/div>\n<h4 class=\"pt-cv-title\"><a href=\"https:\/\/www.dmsjuridica.com\/buscador_20179478954\/corteconstitucionalcronologico202454587\/t-025-04\/\" class=\"_self\" target=\"_self\" >T-025-04<\/a><\/h4>\n<div class=\"pt-cv-content\">\u00a0 \u00a0 Sentencia T-025\/04 \u00a0 AGENCIA OFICIOSA EN TUTELA-Asociaciones de desplazados\/AGENCIA OFICIOSA EN TUTELA-Condiciones para que las asociaciones de desplazados interpongan la acci\u00f3n \u00a0 Dada la condici\u00f3n de extrema vulnerabilidad de la poblaci\u00f3n desplazada, no s\u00f3lo por el hecho mismo del desplazamiento, sino tambi\u00e9n porque en la mayor parte de los casos se trata de personas especialmente protegidas por la Constituci\u00f3n \u2013tales como mujeres cabeza de familia, menores de edad, minor\u00edas \u00e9tnicas y personas de la tercera edad \u2011, la exigencia de presentar directamente o a trav\u00e9s de abogado las acciones de tutela para la protecci\u00f3n de sus derechos, resulta ...<br \/><div class=\"pt-cv-rmwrap\"><a href=\"https:\/\/www.dmsjuridica.com\/buscador_20179478954\/corteconstitucionalcronologico202454587\/t-025-04\/\" class=\"_self pt-cv-readmore btn btn-success\" target=\"_self\">Ver Sentencia Completa...<\/a><\/div><\/div><\/div><\/div>\n<div class=\"col-md-12 col-sm-12 col-xs-12 pt-cv-content-item pt-cv-1-col\" ><div class='pt-cv-ifield'><a href=\"https:\/\/www.dmsjuridica.com\/buscador_20179478954\/corteconstitucionalcronologico202454587\/t-024-04\/\" class=\"_self pt-cv-href-thumbnail pt-cv-thumb-default\" target=\"_self\" ><\/a>\n<div class=\"pt-cv-taxoterm above_title\"><a href='https:\/\/www.dmsjuridica.com\/buscador_20179478954\/corteconstitucionalcronologico202454587\/category\/buscar-en-toda-la-corte\/2004\/tutelas-2004\/' title='Tutelas 2004' class='pt-cv-tax-tutelas-2004'>Tutelas 2004<\/a><\/div>\n<h4 class=\"pt-cv-title\"><a href=\"https:\/\/www.dmsjuridica.com\/buscador_20179478954\/corteconstitucionalcronologico202454587\/t-024-04\/\" class=\"_self\" target=\"_self\" >T-024-04<\/a><\/h4>\n<div class=\"pt-cv-content\">\u00a0 \u00a0 Sentencia T-024\/04 \u00a0 DEBIDO PROCESO ADMINISTRATIVO-Aplicaci\u00f3n en procedimientos internos de entes universitarios aut\u00f3nomos\u00a0 \u00a0 AUTONOMIA UNIVERSITARIA-No es absoluta\/AUTONOMIA UNIVERSITARIA-L\u00edmites \u00a0 AUTONOMIA UNIVERSITARIA-Participaci\u00f3n de comunidad educativa \u00a0 DERECHO DE PARTICIPACION DE LA COMUNIDAD EDUCATIVA UNIVERSITARIA EN LA ELECCION DE SUS DIRECTIVAS-Podr\u00e1 hacerse directamente o por medio de representante \u00a0 ACCION DE TUTELA-Improcedencia contra actos de car\u00e1cter general, impersonal y abstracto \u00a0 La Corte \u00a0ha establecido la oportunidad para acudir a la acci\u00f3n de tutela en este tipo de procesos electorales. \u00a0Al respecto la jurisprudencia \u00a0ha \u00a0precisado \u00a0que la acci\u00f3n de tutela solamente \u00a0puede interponerse en estos casos antes de ...<br \/><div class=\"pt-cv-rmwrap\"><a href=\"https:\/\/www.dmsjuridica.com\/buscador_20179478954\/corteconstitucionalcronologico202454587\/t-024-04\/\" class=\"_self pt-cv-readmore btn btn-success\" target=\"_self\">Ver Sentencia Completa...<\/a><\/div><\/div><\/div><\/div>\n<div class=\"col-md-12 col-sm-12 col-xs-12 pt-cv-content-item pt-cv-1-col\" ><div class='pt-cv-ifield'><a href=\"https:\/\/www.dmsjuridica.com\/buscador_20179478954\/corteconstitucionalcronologico202454587\/t-011-04\/\" class=\"_self pt-cv-href-thumbnail pt-cv-thumb-default\" target=\"_self\" ><\/a>\n<div class=\"pt-cv-taxoterm above_title\"><a href='https:\/\/www.dmsjuridica.com\/buscador_20179478954\/corteconstitucionalcronologico202454587\/category\/buscar-en-toda-la-corte\/2004\/tutelas-2004\/' title='Tutelas 2004' class='pt-cv-tax-tutelas-2004'>Tutelas 2004<\/a><\/div>\n<h4 class=\"pt-cv-title\"><a href=\"https:\/\/www.dmsjuridica.com\/buscador_20179478954\/corteconstitucionalcronologico202454587\/t-011-04\/\" class=\"_self\" target=\"_self\" >T-011-04<\/a><\/h4>\n<div class=\"pt-cv-content\">\u00a0 \u00a0 Sentencia T-011\/04 \u00a0 SISTEMA DE SEGURIDAD SOCIAL EN SALUD-Libre escogencia de entidades que prestan el servicio \u00a0 En el marco jur\u00eddico desarrollado por la Ley 100 de 1993, y de acuerdo con los principios generales consagrados en la Constituci\u00f3n Pol\u00edtica, el art\u00edculo 153 se ocupa de regular los principios especiales que rigen el Sistema General de Seguridad Social en Salud. Uno de tales principios es el de la \u201clibre escogencia\u201d, en virtud del cual se permite la participaci\u00f3n de diferentes entidades que ofrezcan la administraci\u00f3n y prestaci\u00f3n de los servicios de salud, y se asegura a los usuarios ...<br \/><div class=\"pt-cv-rmwrap\"><a href=\"https:\/\/www.dmsjuridica.com\/buscador_20179478954\/corteconstitucionalcronologico202454587\/t-011-04\/\" class=\"_self pt-cv-readmore btn btn-success\" target=\"_self\">Ver Sentencia Completa...<\/a><\/div><\/div><\/div><\/div>\n<div class=\"col-md-12 col-sm-12 col-xs-12 pt-cv-content-item pt-cv-1-col\" ><div class='pt-cv-ifield'><a href=\"https:\/\/www.dmsjuridica.com\/buscador_20179478954\/corteconstitucionalcronologico202454587\/t-010-04\/\" class=\"_self pt-cv-href-thumbnail pt-cv-thumb-default\" target=\"_self\" ><\/a>\n<div class=\"pt-cv-taxoterm above_title\"><a href='https:\/\/www.dmsjuridica.com\/buscador_20179478954\/corteconstitucionalcronologico202454587\/category\/buscar-en-toda-la-corte\/2004\/tutelas-2004\/' title='Tutelas 2004' class='pt-cv-tax-tutelas-2004'>Tutelas 2004<\/a><\/div>\n<h4 class=\"pt-cv-title\"><a href=\"https:\/\/www.dmsjuridica.com\/buscador_20179478954\/corteconstitucionalcronologico202454587\/t-010-04\/\" class=\"_self\" target=\"_self\" >T-010-04<\/a><\/h4>\n<div class=\"pt-cv-content\">\u00a0 \u00a0 Sentencia T-010\/04 \u00a0 SISTEMA DE SEGURIDAD SOCIAL EN SALUD-L\u00edmites a la libre escogencia de entidades que prestan el servicio \u00a0 SISTEMA DE SEGURIDAD SOCIAL EN SALUD-Libre escogencia del sistema que prestar\u00e1 el servicio \u00a0 La elecci\u00f3n de la entidad a la que se confiar\u00e1 el cuidado de la salud, la vida y la integridad, hace parte de esas decisiones personales inalienables que deben ser objeto de protecci\u00f3n constitucional. El derecho de toda persona a escoger libremente las entidades encargadas de garantizarle el servicio de salud, tambi\u00e9n es la forma en que el legislador cumple con el mandato constitucional ...<br \/><div class=\"pt-cv-rmwrap\"><a href=\"https:\/\/www.dmsjuridica.com\/buscador_20179478954\/corteconstitucionalcronologico202454587\/t-010-04\/\" class=\"_self pt-cv-readmore btn btn-success\" target=\"_self\">Ver Sentencia Completa...<\/a><\/div><\/div><\/div><\/div>\n<div class=\"col-md-12 col-sm-12 col-xs-12 pt-cv-content-item pt-cv-1-col\" ><div class='pt-cv-ifield'><a href=\"https:\/\/www.dmsjuridica.com\/buscador_20179478954\/corteconstitucionalcronologico202454587\/t-009-04\/\" class=\"_self pt-cv-href-thumbnail pt-cv-thumb-default\" target=\"_self\" ><\/a>\n<div class=\"pt-cv-taxoterm above_title\"><a href='https:\/\/www.dmsjuridica.com\/buscador_20179478954\/corteconstitucionalcronologico202454587\/category\/buscar-en-toda-la-corte\/2004\/tutelas-2004\/' title='Tutelas 2004' class='pt-cv-tax-tutelas-2004'>Tutelas 2004<\/a><\/div>\n<h4 class=\"pt-cv-title\"><a href=\"https:\/\/www.dmsjuridica.com\/buscador_20179478954\/corteconstitucionalcronologico202454587\/t-009-04\/\" class=\"_self\" target=\"_self\" >T-009-04<\/a><\/h4>\n<div class=\"pt-cv-content\">\u00a0 \u00a0 Sentencia T-009\/04 \u00a0 ACCION DE TUTELA-Procedencia contra decisiones de querellas policivas \u00a0 INSPECTOR DE POLICIA-Autonom\u00eda en sus decisiones \u00a0 PROCESO POLICIVO-Motivaci\u00f3n en medidas correctivas \u00a0 Toda imposici\u00f3n de medidas correctivas en un proceso policivo implica motivaci\u00f3n. Toda motivaci\u00f3n debe tener como soporte el sustento f\u00e1ctico y jur\u00eddico. Es decir, el se\u00f1alamiento de la pruebas y las normas legales en las cuales fundamenta su decisi\u00f3n \u00a0la autoridad policiva. \u00a0 DEBIDO PROCESO-Vulneraci\u00f3n por indebida interpretaci\u00f3n de norma policiva\/PRINCIPIO DE LEGALIDAD EN ACTUACION POLICIVA-Vulneraci\u00f3n \u00a0 La Sala observa que s\u00ed se present\u00f3 una vulneraci\u00f3n al debido proceso en la interpretaci\u00f3n de ...<br \/><div class=\"pt-cv-rmwrap\"><a href=\"https:\/\/www.dmsjuridica.com\/buscador_20179478954\/corteconstitucionalcronologico202454587\/t-009-04\/\" class=\"_self pt-cv-readmore btn btn-success\" target=\"_self\">Ver Sentencia Completa...<\/a><\/div><\/div><\/div><\/div>\n<div class=\"col-md-12 col-sm-12 col-xs-12 pt-cv-content-item pt-cv-1-col\" ><div class='pt-cv-ifield'><a href=\"https:\/\/www.dmsjuridica.com\/buscador_20179478954\/corteconstitucionalcronologico202454587\/t-008-04\/\" class=\"_self pt-cv-href-thumbnail pt-cv-thumb-default\" target=\"_self\" ><\/a>\n<div class=\"pt-cv-taxoterm above_title\"><a href='https:\/\/www.dmsjuridica.com\/buscador_20179478954\/corteconstitucionalcronologico202454587\/category\/buscar-en-toda-la-corte\/2004\/tutelas-2004\/' title='Tutelas 2004' class='pt-cv-tax-tutelas-2004'>Tutelas 2004<\/a><\/div>\n<h4 class=\"pt-cv-title\"><a href=\"https:\/\/www.dmsjuridica.com\/buscador_20179478954\/corteconstitucionalcronologico202454587\/t-008-04\/\" class=\"_self\" target=\"_self\" >T-008-04<\/a><\/h4>\n<div class=\"pt-cv-content\">\u00a0 \u00a0 Sentencia T-008\/04 \u00a0 DERECHO DE PETICION-Obligaci\u00f3n del ex empleador de dar respuesta al ex empleado sobre sus derechos laborales \u00a0 DERECHO DE PETICION ANTE PARTICULARES-Peticionario debe acreditar la calidad de ex empleador \u00a0 Cuando no se ha comprobado por parte del peticionario que la persona ante quien se eleva la solicitud es su exempleador, as\u00ed lo manifieste de esa manera en el escrito de allegado, no procede el derecho de petici\u00f3n ni la tutela para garantizarlo. Lo anterior en virtud de que no se evidenciar\u00eda el \u201ccierto grado de subordinaci\u00f3n\u201d con base en el cual la Corte ha ...<br \/><div class=\"pt-cv-rmwrap\"><a href=\"https:\/\/www.dmsjuridica.com\/buscador_20179478954\/corteconstitucionalcronologico202454587\/t-008-04\/\" class=\"_self pt-cv-readmore btn btn-success\" target=\"_self\">Ver Sentencia Completa...<\/a><\/div><\/div><\/div><\/div>\n<div class=\"col-md-12 col-sm-12 col-xs-12 pt-cv-content-item pt-cv-1-col\" ><div class='pt-cv-ifield'><a href=\"https:\/\/www.dmsjuridica.com\/buscador_20179478954\/corteconstitucionalcronologico202454587\/t-007-04\/\" class=\"_self pt-cv-href-thumbnail pt-cv-thumb-default\" target=\"_self\" ><\/a>\n<div class=\"pt-cv-taxoterm above_title\"><a href='https:\/\/www.dmsjuridica.com\/buscador_20179478954\/corteconstitucionalcronologico202454587\/category\/buscar-en-toda-la-corte\/2004\/tutelas-2004\/' title='Tutelas 2004' class='pt-cv-tax-tutelas-2004'>Tutelas 2004<\/a><\/div>\n<h4 class=\"pt-cv-title\"><a href=\"https:\/\/www.dmsjuridica.com\/buscador_20179478954\/corteconstitucionalcronologico202454587\/t-007-04\/\" class=\"_self\" target=\"_self\" >T-007-04<\/a><\/h4>\n<div class=\"pt-cv-content\">\u00a0 \u00a0 Sentencia T-007\/04 \u00a0 DERECHO A LA SALUD-Fundamental por conexidad \u00a0 DERECHO A LA SALUD-Protecci\u00f3n no solo ante peligro de muerte sino en casos de menor gravedad \u00a0 DERECHO A LA VIDA DIGNA-Implantaci\u00f3n de lente intraocular para cirug\u00eda de cataratas \u00a0 DERECHO A LA SALUD-Implantaci\u00f3n de lente intraocular\u00a0 \u00a0 PLAN OBLIGATORIO DE SALUD-Est\u00e1 incluida implantaci\u00f3n de lente intraocular \u00a0 Referencia: expediente T-796877 \u00a0 Peticionario: Aicardo Restrepo Hern\u00e1ndez \u00a0 Accionado: E.P.S. Coomeva \u00a0 Magistrado Ponente:\u00a0 \u00a0 Dr. MARCO GERARDO MONROY CABRA \u00a0 Bogot\u00e1 D. C., \u00a0quince (15) de enero de dos mil cuatro (2004). \u00a0 La Sala Sexta de la ...<br \/><div class=\"pt-cv-rmwrap\"><a href=\"https:\/\/www.dmsjuridica.com\/buscador_20179478954\/corteconstitucionalcronologico202454587\/t-007-04\/\" class=\"_self pt-cv-readmore btn btn-success\" target=\"_self\">Ver Sentencia Completa...<\/a><\/div><\/div><\/div><\/div>\n<div class=\"col-md-12 col-sm-12 col-xs-12 pt-cv-content-item pt-cv-1-col\" ><div class='pt-cv-ifield'><a href=\"https:\/\/www.dmsjuridica.com\/buscador_20179478954\/corteconstitucionalcronologico202454587\/t-006-04\/\" class=\"_self pt-cv-href-thumbnail pt-cv-thumb-default\" target=\"_self\" ><\/a>\n<div class=\"pt-cv-taxoterm above_title\"><a href='https:\/\/www.dmsjuridica.com\/buscador_20179478954\/corteconstitucionalcronologico202454587\/category\/buscar-en-toda-la-corte\/2004\/tutelas-2004\/' title='Tutelas 2004' class='pt-cv-tax-tutelas-2004'>Tutelas 2004<\/a><\/div>\n<h4 class=\"pt-cv-title\"><a href=\"https:\/\/www.dmsjuridica.com\/buscador_20179478954\/corteconstitucionalcronologico202454587\/t-006-04\/\" class=\"_self\" target=\"_self\" >T-006-04<\/a><\/h4>\n<div class=\"pt-cv-content\">\u00a0 \u00a0 Sentencia T-006\/04 \u00a0 AUTONOMIA UNIVERSITARIA-Exigencia de requisitos que garanticen la mejor calidad de educaci\u00f3n \u00a0 UNIVERSIDAD-Fijaci\u00f3n de ex\u00e1menes preparatorios para obtener t\u00edtulo de abogado \u00a0 AUTONOMIA UNIVERSITARIA-Fundamento para exigir ex\u00e1menes preparatorios\u00a0 \u00a0 DERECHO A LA EDUCACION-Implica el deber de cumplir los reglamentos educativos \u00a0 Referencia: expedientes T-792376, T-793718 y T-792377 \u00a0 Actores: Jorge Eliecer Fl\u00f3rez Mesa, Mario Andr\u00e9s Pab\u00f3n Rojas y Sandra Magali Le\u00f3n Guevara \u00a0 Procedencias: Juzgados Segundo y Tercero Penal Municipal de Pasto y Tercero Penal Municipal de Cali \u00a0 Magistrado Ponente:\u00a0 \u00a0 Dr. MARCO GERARDO MONROY CABRA \u00a0 Bogot\u00e1 D. C., quince (15) de enero ...<br \/><div class=\"pt-cv-rmwrap\"><a href=\"https:\/\/www.dmsjuridica.com\/buscador_20179478954\/corteconstitucionalcronologico202454587\/t-006-04\/\" class=\"_self pt-cv-readmore btn btn-success\" target=\"_self\">Ver Sentencia Completa...<\/a><\/div><\/div><\/div><\/div>\n<div class=\"col-md-12 col-sm-12 col-xs-12 pt-cv-content-item pt-cv-1-col\" ><div class='pt-cv-ifield'><a href=\"https:\/\/www.dmsjuridica.com\/buscador_20179478954\/corteconstitucionalcronologico202454587\/t-005-04\/\" class=\"_self pt-cv-href-thumbnail pt-cv-thumb-default\" target=\"_self\" ><\/a>\n<div class=\"pt-cv-taxoterm above_title\"><a href='https:\/\/www.dmsjuridica.com\/buscador_20179478954\/corteconstitucionalcronologico202454587\/category\/buscar-en-toda-la-corte\/2004\/tutelas-2004\/' title='Tutelas 2004' class='pt-cv-tax-tutelas-2004'>Tutelas 2004<\/a><\/div>\n<h4 class=\"pt-cv-title\"><a href=\"https:\/\/www.dmsjuridica.com\/buscador_20179478954\/corteconstitucionalcronologico202454587\/t-005-04\/\" class=\"_self\" target=\"_self\" >T-005-04<\/a><\/h4>\n<div class=\"pt-cv-content\">\u00a0 \u00a0 Sentencia T-005\/04 \u00a0 DERECHO DE PETICION EN MATERIA PENSIONAL-T\u00e9rminos para resolver\/DERECHO DE PETICION-Resoluci\u00f3n oportuna y de fondo \u00a0 Referencia: expediente T-797013 \u00a0 Acci\u00f3n de tutela de Doralba Espinosa Ram\u00edrez contra CAJANAL - Seccional Bogot\u00e1. \u00a0 Procedencia: Juzgado Veinticuatro Civil del Circuito de Bogot\u00e1. \u00a0 Magistrado Ponente: \u00a0 Dr. ALFREDO BELTR\u00c1N SIERRA. \u00a0 Bogot\u00e1, D. C., quince (15) de enero de dos mil cuatro (2004). \u00a0 La Sala Segunda (2a.) de Revisi\u00f3n de la Corte Constitucional, integrada por los magistrados Alfredo Beltr\u00e1n Sierra, Manuel Jos\u00e9 Cepeda Espinosa y Jaime C\u00f3rdoba Trivi\u00f1o en ejercicio de sus competencias constitucionales y legales, ...<br \/><div class=\"pt-cv-rmwrap\"><a href=\"https:\/\/www.dmsjuridica.com\/buscador_20179478954\/corteconstitucionalcronologico202454587\/t-005-04\/\" class=\"_self pt-cv-readmore btn btn-success\" target=\"_self\">Ver Sentencia Completa...<\/a><\/div><\/div><\/div><\/div>\n<div class=\"col-md-12 col-sm-12 col-xs-12 pt-cv-content-item pt-cv-1-col\" ><div class='pt-cv-ifield'><a href=\"https:\/\/www.dmsjuridica.com\/buscador_20179478954\/corteconstitucionalcronologico202454587\/t-004-04\/\" class=\"_self pt-cv-href-thumbnail pt-cv-thumb-default\" target=\"_self\" ><\/a>\n<div class=\"pt-cv-taxoterm above_title\"><a href='https:\/\/www.dmsjuridica.com\/buscador_20179478954\/corteconstitucionalcronologico202454587\/category\/buscar-en-toda-la-corte\/2004\/tutelas-2004\/' title='Tutelas 2004' class='pt-cv-tax-tutelas-2004'>Tutelas 2004<\/a><\/div>\n<h4 class=\"pt-cv-title\"><a href=\"https:\/\/www.dmsjuridica.com\/buscador_20179478954\/corteconstitucionalcronologico202454587\/t-004-04\/\" class=\"_self\" target=\"_self\" >T-004-04<\/a><\/h4>\n<div class=\"pt-cv-content\">\u00a0 \u00a0 Sentencia T-004\/04 \u00a0 ACCION DE TUTELA-Procedencia excepcional pago de acreencias laborales\u00a0 \u00a0 EMPLEADOR-Situaci\u00f3n econ\u00f3mica o presupuestal no es \u00f3bice para desconocer pago de acreencias laborales \u00a0 ENTIDAD PUBLICA-Gesti\u00f3n presupuestal para pago de salarios \u00a0 DERECHO AL MINIMO VITAL DEL TRABAJADOR-Pago de salarios atrasados\/ENTIDAD HOSPITALARIA-Pago de salarios atrasados afectan el m\u00ednimo vital \u00a0 Referencia: expediente T-795984 \u00a0 Acci\u00f3n de tutela de Rafael Pinedo Arroyo contra el Hospital San Juan de Sahag\u00fan C\u00f3rdoba. \u00a0 Procedencia: Juzgado \u00a0Penal del Circuito de Sahag\u00fan - C\u00f3rdoba\u00a0 \u00a0 Dr. ALFREDO BELTR\u00c1N SIERRA \u00a0 Bogot\u00e1, D. C., quince (15) de enero de dos mil cuatro ...<br \/><div class=\"pt-cv-rmwrap\"><a href=\"https:\/\/www.dmsjuridica.com\/buscador_20179478954\/corteconstitucionalcronologico202454587\/t-004-04\/\" class=\"_self pt-cv-readmore btn btn-success\" target=\"_self\">Ver Sentencia Completa...<\/a><\/div><\/div><\/div><\/div>\n<div class=\"col-md-12 col-sm-12 col-xs-12 pt-cv-content-item pt-cv-1-col\" ><div class='pt-cv-ifield'><a href=\"https:\/\/www.dmsjuridica.com\/buscador_20179478954\/corteconstitucionalcronologico202454587\/t-003-04\/\" class=\"_self pt-cv-href-thumbnail pt-cv-thumb-default\" target=\"_self\" ><\/a>\n<div class=\"pt-cv-taxoterm above_title\"><a href='https:\/\/www.dmsjuridica.com\/buscador_20179478954\/corteconstitucionalcronologico202454587\/category\/buscar-en-toda-la-corte\/2004\/tutelas-2004\/' title='Tutelas 2004' class='pt-cv-tax-tutelas-2004'>Tutelas 2004<\/a><\/div>\n<h4 class=\"pt-cv-title\"><a href=\"https:\/\/www.dmsjuridica.com\/buscador_20179478954\/corteconstitucionalcronologico202454587\/t-003-04\/\" class=\"_self\" target=\"_self\" >T-003-04<\/a><\/h4>\n<div class=\"pt-cv-content\">\u00a0 \u00a0 Sentencia T-003\/04 \u00a0 VIA DE HECHO-Vinculaci\u00f3n a nuevo proceso penal como reo ausente de persona privada de la libertad \u00a0 ACCION DE TUTELA CONTRA PROVIDENCIAS JUDICIALES-Procedencia excepcional por v\u00eda de hecho judicial \u00a0 PROCESO PENAL-Persona vinculada al mismo tiene derecho a que se le informe que cursa una investigaci\u00f3n en su contra \u00a0 En el tr\u00e1mite del proceso penal, la persona que est\u00e1 siendo vinculada al mismo, tiene derecho a que se le informe que en su contra cursa una investigaci\u00f3n. De la misma manera, las entidades encargadas de adelantar el proceso penal, est\u00e1n en la obligaci\u00f3n de ...<br \/><div class=\"pt-cv-rmwrap\"><a href=\"https:\/\/www.dmsjuridica.com\/buscador_20179478954\/corteconstitucionalcronologico202454587\/t-003-04\/\" class=\"_self pt-cv-readmore btn btn-success\" target=\"_self\">Ver Sentencia Completa...<\/a><\/div><\/div><\/div><\/div>\n<div class=\"col-md-12 col-sm-12 col-xs-12 pt-cv-content-item pt-cv-1-col\" ><div class='pt-cv-ifield'><a href=\"https:\/\/www.dmsjuridica.com\/buscador_20179478954\/corteconstitucionalcronologico202454587\/t-002-04\/\" class=\"_self pt-cv-href-thumbnail pt-cv-thumb-default\" target=\"_self\" ><\/a>\n<div class=\"pt-cv-taxoterm above_title\"><a href='https:\/\/www.dmsjuridica.com\/buscador_20179478954\/corteconstitucionalcronologico202454587\/category\/buscar-en-toda-la-corte\/2004\/tutelas-2004\/' title='Tutelas 2004' class='pt-cv-tax-tutelas-2004'>Tutelas 2004<\/a><\/div>\n<h4 class=\"pt-cv-title\"><a href=\"https:\/\/www.dmsjuridica.com\/buscador_20179478954\/corteconstitucionalcronologico202454587\/t-002-04\/\" class=\"_self\" target=\"_self\" >T-002-04<\/a><\/h4>\n<div class=\"pt-cv-content\">\u00a0 \u00a0 Sentencia T-002\/04 \u00a0 ACCION DE TUTELA-Improcedencia para pago de honorarios a concejales \u00a0 DERECHO AL MINIMO VITAL-No se prob\u00f3 su vulneraci\u00f3n\/MEDIO DE DEFENSA JUDICIAL-Pago de honorarios a concejales \u00a0 Referencia: expediente T-788620 \u00a0 Peticionario: Marben Yannet Orozco Carmona \u00a0 Magistrado Ponente: \u00a0 Dr. ALFREDO BELTR\u00c1N SIERRA \u00a0 Bogot\u00e1, D. C., quince (15) de enero de dos mil cuatro (2004). \u00a0 La Sala Segunda de Revisi\u00f3n de la Corte Constitucional, integrada por los magistrados, Alfredo Beltr\u00e1n Sierra, Manuel Jos\u00e9 Cepeda Espinosa y Jaime C\u00f3rdoba Trivi\u00f1o, en ejercicio de sus competencias constitucionales y legales, ha proferido la siguiente : \u00a0 ...<br \/><div class=\"pt-cv-rmwrap\"><a href=\"https:\/\/www.dmsjuridica.com\/buscador_20179478954\/corteconstitucionalcronologico202454587\/t-002-04\/\" class=\"_self pt-cv-readmore btn btn-success\" target=\"_self\">Ver Sentencia Completa...<\/a><\/div><\/div><\/div><\/div>\n<div class=\"col-md-12 col-sm-12 col-xs-12 pt-cv-content-item pt-cv-1-col\" ><div class='pt-cv-ifield'><a href=\"https:\/\/www.dmsjuridica.com\/buscador_20179478954\/corteconstitucionalcronologico202454587\/t-001-04\/\" class=\"_self pt-cv-href-thumbnail pt-cv-thumb-default\" target=\"_self\" ><\/a>\n<div class=\"pt-cv-taxoterm above_title\"><a href='https:\/\/www.dmsjuridica.com\/buscador_20179478954\/corteconstitucionalcronologico202454587\/category\/buscar-en-toda-la-corte\/2004\/tutelas-2004\/' title='Tutelas 2004' class='pt-cv-tax-tutelas-2004'>Tutelas 2004<\/a><\/div>\n<h4 class=\"pt-cv-title\"><a href=\"https:\/\/www.dmsjuridica.com\/buscador_20179478954\/corteconstitucionalcronologico202454587\/t-001-04\/\" class=\"_self\" target=\"_self\" >T-001-04<\/a><\/h4>\n<div class=\"pt-cv-content\">\u00a0 \u00a0 Sentencia T-001\/04 \u00a0 CORTE SUPREMA DE JUSTICIA-Sentencia sustitutiva o de reemplazo \u00a0 SENTENCIA DE CASACION DE LA CORTE SUPREMA DE JUSTICIA-Inexistencia de v\u00eda de hecho \u00a0 AUTONOMIA JUDICIAL-Apreciaci\u00f3n f\u00e1ctica con fundamento en las pruebas\/VIA DE HECHO-No se presenta por la simple divergencia en la apreciaci\u00f3n probatoria\/VIA DE HECHO POR DEFECTO FACTICO-Omisi\u00f3n o grave defecto en apreciaci\u00f3n probatoria \u00a0 Ni la discrepancia sobre la calificaci\u00f3n jur\u00eddica, ni tampoco las distintas conclusiones a que se llega sobre las pruebas que obran en el expediente, alcanzan a revestir arbitrariedad o capricho del fallador, pues es claro que en ejercicio de la ...<br \/><div class=\"pt-cv-rmwrap\"><a href=\"https:\/\/www.dmsjuridica.com\/buscador_20179478954\/corteconstitucionalcronologico202454587\/t-001-04\/\" class=\"_self pt-cv-readmore btn btn-success\" target=\"_self\">Ver Sentencia Completa...<\/a><\/div><\/div><\/div><\/div><\/div><\/div><\/div>\n","protected":false},"excerpt":{"rendered":"","protected":false},"author":1,"featured_media":0,"parent":0,"menu_order":0,"comment_status":"closed","ping_status":"closed","template":"","meta":{"footnotes":""},"class_list":["post-29590","page","type-page","status-publish","hentry"],"_links":{"self":[{"href":"https:\/\/www.dmsjuridica.com\/buscador_20179478954\/corteconstitucionalcronologico202454587\/wp-json\/wp\/v2\/pages\/29590","targetHints":{"allow":["GET"]}}],"collection":[{"href":"https:\/\/www.dmsjuridica.com\/buscador_20179478954\/corteconstitucionalcronologico202454587\/wp-json\/wp\/v2\/pages"}],"about":[{"href":"https:\/\/www.dmsjuridica.com\/buscador_20179478954\/corteconstitucionalcronologico202454587\/wp-json\/wp\/v2\/types\/page"}],"author":[{"embeddable":true,"href":"https:\/\/www.dmsjuridica.com\/buscador_20179478954\/corteconstitucionalcronologico202454587\/wp-json\/wp\/v2\/users\/1"}],"replies":[{"embeddable":true,"href":"https:\/\/www.dmsjuridica.com\/buscador_20179478954\/corteconstitucionalcronologico202454587\/wp-json\/wp\/v2\/comments?post=29590"}],"version-history":[{"count":2,"href":"https:\/\/www.dmsjuridica.com\/buscador_20179478954\/corteconstitucionalcronologico202454587\/wp-json\/wp\/v2\/pages\/29590\/revisions"}],"predecessor-version":[{"id":31405,"href":"https:\/\/www.dmsjuridica.com\/buscador_20179478954\/corteconstitucionalcronologico202454587\/wp-json\/wp\/v2\/pages\/29590\/revisions\/31405"}],"wp:attachment":[{"href":"https:\/\/www.dmsjuridica.com\/buscador_20179478954\/corteconstitucionalcronologico202454587\/wp-json\/wp\/v2\/media?parent=29590"}],"curies":[{"name":"wp","href":"https:\/\/api.w.org\/{rel}","templated":true}]}}