{"id":29592,"date":"2024-07-12T11:37:00","date_gmt":"2024-07-12T16:37:00","guid":{"rendered":"https:\/\/www.dmsjuridica.com\/buscador_20179478954\/corteconstitucionalcronologico202454587\/?page_id=29592"},"modified":"2025-11-27T11:40:40","modified_gmt":"2025-11-27T16:40:40","slug":"tutelas-2005","status":"publish","type":"page","link":"https:\/\/www.dmsjuridica.com\/buscador_20179478954\/corteconstitucionalcronologico202454587\/tutelas-2005\/","title":{"rendered":"Tutelas 2005"},"content":{"rendered":"<div class=\"pt-cv-wrapper\"><div class=\"pt-cv-view pt-cv-grid pt-cv-colsys\" id=\"pt-cv-view-20867d66vd\"><div data-id=\"pt-cv-page-1\" class=\"pt-cv-page\" data-cvc=\"1\"><div class=\"col-md-12 col-sm-12 col-xs-12 pt-cv-content-item pt-cv-1-col\" ><div class='pt-cv-ifield'><a href=\"https:\/\/www.dmsjuridica.com\/buscador_20179478954\/corteconstitucionalcronologico202454587\/t-999-05\/\" class=\"_self pt-cv-href-thumbnail pt-cv-thumb-default\" target=\"_self\" ><\/a>\n<div class=\"pt-cv-taxoterm above_title\"><a href='https:\/\/www.dmsjuridica.com\/buscador_20179478954\/corteconstitucionalcronologico202454587\/category\/buscar-en-toda-la-corte\/2005\/tutelas-2005\/' title='Tutelas 2005' class='pt-cv-tax-tutelas-2005'>Tutelas 2005<\/a><\/div>\n<h4 class=\"pt-cv-title\"><a href=\"https:\/\/www.dmsjuridica.com\/buscador_20179478954\/corteconstitucionalcronologico202454587\/t-999-05\/\" class=\"_self\" target=\"_self\" >T-999-05<\/a><\/h4>\n<div class=\"pt-cv-content\">PERSONA JURIDICA DE DERECHO PUBLICO-Titularidad de derechos fundamentales \u00a0 ACCION DE TUTELA-Improcedencia contra actos de car\u00e1cter general, impersonal y abstracto\/ACCION DE TUTELA-Procedencia excepcional contra actos de car\u00e1cter general, impersonal y abstracto cuya legalidad vulnera derechos fundamentales \u00a0 PERJUICIO IRREMEDIABLE-Elementos\/ACCION DE TUTELA-Inexistencia de perjuicio irremediable \u00a0 En el caso concreto, se tiene que i.) la sociedad demandante no prob\u00f3 la existencia de un perjuicio cierto e inminente que afecte sus derechos fundamentales, comoquiera que el menoscabo alegado es de \u00edndole econ\u00f3mica, cuya soluci\u00f3n y reestablecimiento corresponde verificar al juez de la causa y no al constitucional; ii.) de contera, el calcul\u00f3 ...<br \/><div class=\"pt-cv-rmwrap\"><a href=\"https:\/\/www.dmsjuridica.com\/buscador_20179478954\/corteconstitucionalcronologico202454587\/t-999-05\/\" class=\"_self pt-cv-readmore btn btn-success\" target=\"_self\">Ver Sentencia Completa...<\/a><\/div><\/div><\/div><\/div>\n<div class=\"col-md-12 col-sm-12 col-xs-12 pt-cv-content-item pt-cv-1-col\" ><div class='pt-cv-ifield'><a href=\"https:\/\/www.dmsjuridica.com\/buscador_20179478954\/corteconstitucionalcronologico202454587\/t-998-05\/\" class=\"_self pt-cv-href-thumbnail pt-cv-thumb-default\" target=\"_self\" ><\/a>\n<div class=\"pt-cv-taxoterm above_title\"><a href='https:\/\/www.dmsjuridica.com\/buscador_20179478954\/corteconstitucionalcronologico202454587\/category\/buscar-en-toda-la-corte\/2005\/tutelas-2005\/' title='Tutelas 2005' class='pt-cv-tax-tutelas-2005'>Tutelas 2005<\/a><\/div>\n<h4 class=\"pt-cv-title\"><a href=\"https:\/\/www.dmsjuridica.com\/buscador_20179478954\/corteconstitucionalcronologico202454587\/t-998-05\/\" class=\"_self\" target=\"_self\" >T-998-05<\/a><\/h4>\n<div class=\"pt-cv-content\">\u00a0 \u00a0 Sentencia T-998\/05 \u00a0 LICENCIA DE MATERNIDAD-Pago por tutela cuando afecta el m\u00ednimo vital de la madre y su hijo\u00a0 \u00a0 LICENCIA DE MATERNIDAD-Presunci\u00f3n de vulneraci\u00f3n al m\u00ednimo vital cuando la madre devenga un salario o menos, o cuando \u00e9ste es su \u00fanica fuente de ingresos \u00a0 ACCION DE TUTELA-Hecho superado por pago de licencia de maternidad\u00a0 \u00a0 Referencia: expediente T-1161068 \u00a0 Acci\u00f3n de tutela instaurada por Fabiola Mu\u00f1oz D\u00edaz contra la Caja Nacional de Previsi\u00f3n Social CAJANAL S.A. E.S.P. \u2013En Liquidaci\u00f3n.\u00a0 \u00a0 Magistrado Ponente: \u00a0 Dr. JAIME CORDOBA TRIVI\u00d1O \u00a0 Bogot\u00e1, D. C., treinta (30) de septiembre de ...<br \/><div class=\"pt-cv-rmwrap\"><a href=\"https:\/\/www.dmsjuridica.com\/buscador_20179478954\/corteconstitucionalcronologico202454587\/t-998-05\/\" class=\"_self pt-cv-readmore btn btn-success\" target=\"_self\">Ver Sentencia Completa...<\/a><\/div><\/div><\/div><\/div>\n<div class=\"col-md-12 col-sm-12 col-xs-12 pt-cv-content-item pt-cv-1-col\" ><div class='pt-cv-ifield'><a href=\"https:\/\/www.dmsjuridica.com\/buscador_20179478954\/corteconstitucionalcronologico202454587\/t-997-05\/\" class=\"_self pt-cv-href-thumbnail pt-cv-thumb-default\" target=\"_self\" ><\/a>\n<div class=\"pt-cv-taxoterm above_title\"><a href='https:\/\/www.dmsjuridica.com\/buscador_20179478954\/corteconstitucionalcronologico202454587\/category\/buscar-en-toda-la-corte\/2005\/tutelas-2005\/' title='Tutelas 2005' class='pt-cv-tax-tutelas-2005'>Tutelas 2005<\/a><\/div>\n<h4 class=\"pt-cv-title\"><a href=\"https:\/\/www.dmsjuridica.com\/buscador_20179478954\/corteconstitucionalcronologico202454587\/t-997-05\/\" class=\"_self\" target=\"_self\" >T-997-05<\/a><\/h4>\n<div class=\"pt-cv-content\">\u00a0 \u00a0 Sentencia T-997\/05 \u00a0 DERECHO DE PETICION-Reglas jurisprudenciales\/DERECHO DE PETICION-Requisitos de la respuesta\/DERECHO DE PETICION-Extremos f\u00e1cticos en los que se funda la tutela \u00a0 Los extremos f\u00e1cticos en los cuales se funda la tutela del derecho de petici\u00f3n -que deben estar claramente demostrados son, de una parte la solicitud, con fecha cierta de presentaci\u00f3n ante la autoridad a la cual se dirige, y de otra, el transcurso del tiempo se\u00f1alado en la ley sin que la respuesta se haya comunicado al solicitante. En el presente caso, la omisi\u00f3n de la entidad accionada en allegar la \u00a0respuesta a la petici\u00f3n ...<br \/><div class=\"pt-cv-rmwrap\"><a href=\"https:\/\/www.dmsjuridica.com\/buscador_20179478954\/corteconstitucionalcronologico202454587\/t-997-05\/\" class=\"_self pt-cv-readmore btn btn-success\" target=\"_self\">Ver Sentencia Completa...<\/a><\/div><\/div><\/div><\/div>\n<div class=\"col-md-12 col-sm-12 col-xs-12 pt-cv-content-item pt-cv-1-col\" ><div class='pt-cv-ifield'><a href=\"https:\/\/www.dmsjuridica.com\/buscador_20179478954\/corteconstitucionalcronologico202454587\/t-996-05\/\" class=\"_self pt-cv-href-thumbnail pt-cv-thumb-default\" target=\"_self\" ><\/a>\n<div class=\"pt-cv-taxoterm above_title\"><a href='https:\/\/www.dmsjuridica.com\/buscador_20179478954\/corteconstitucionalcronologico202454587\/category\/buscar-en-toda-la-corte\/2005\/tutelas-2005\/' title='Tutelas 2005' class='pt-cv-tax-tutelas-2005'>Tutelas 2005<\/a><\/div>\n<h4 class=\"pt-cv-title\"><a href=\"https:\/\/www.dmsjuridica.com\/buscador_20179478954\/corteconstitucionalcronologico202454587\/t-996-05\/\" class=\"_self\" target=\"_self\" >T-996-05<\/a><\/h4>\n<div class=\"pt-cv-content\">\u00a0 \u00a0 Sentencia T-996\/05 \u00a0 PENSION DE SOBREVIVIENTES-Requisitos\/ACCION DE TUTELA-Procedencia excepcional pago de mesadas pensionales\/PENSION DE SOBREVIVIENTES-Reconocimiento \u00a0 Referencia: expediente T-1132636 \u00a0 Acci\u00f3n de tutela instaurada por Ana Lucia Mu\u00f1oz Silva contra el Seguro Social, Seccional Boyac\u00e1.\u00a0 \u00a0 Magistrado Ponente: \u00a0 Dr. JAIME CORDOBA TRIVI\u00d1O \u00a0 Bogot\u00e1, D. C., treinta (30) de septiembre de dos mil cinco (2005). \u00a0 La Sala Cuarta de Revisi\u00f3n de la Corte Constitucional, integrada por los magistrados, Jaime C\u00f3rdoba Trivi\u00f1o, Rodrigo Escobar Gil y Marco Gerardo Monroy Cabra, en ejercicio de sus competencias constitucionales y legales, ha proferido la siguiente \u00a0 SENTENCIA \u00a0 Dentro del ...<br \/><div class=\"pt-cv-rmwrap\"><a href=\"https:\/\/www.dmsjuridica.com\/buscador_20179478954\/corteconstitucionalcronologico202454587\/t-996-05\/\" class=\"_self pt-cv-readmore btn btn-success\" target=\"_self\">Ver Sentencia Completa...<\/a><\/div><\/div><\/div><\/div>\n<div class=\"col-md-12 col-sm-12 col-xs-12 pt-cv-content-item pt-cv-1-col\" ><div class='pt-cv-ifield'><a href=\"https:\/\/www.dmsjuridica.com\/buscador_20179478954\/corteconstitucionalcronologico202454587\/t-995-05\/\" class=\"_self pt-cv-href-thumbnail pt-cv-thumb-default\" target=\"_self\" ><\/a>\n<div class=\"pt-cv-taxoterm above_title\"><a href='https:\/\/www.dmsjuridica.com\/buscador_20179478954\/corteconstitucionalcronologico202454587\/category\/buscar-en-toda-la-corte\/2005\/tutelas-2005\/' title='Tutelas 2005' class='pt-cv-tax-tutelas-2005'>Tutelas 2005<\/a><\/div>\n<h4 class=\"pt-cv-title\"><a href=\"https:\/\/www.dmsjuridica.com\/buscador_20179478954\/corteconstitucionalcronologico202454587\/t-995-05\/\" class=\"_self\" target=\"_self\" >T-995-05<\/a><\/h4>\n<div class=\"pt-cv-content\">\u00a0 \u00a0 Sentencia T-995\/05 \u00a0 DERECHO A LA DIGNIDAD HUMANA-Vulneraci\u00f3n por omisi\u00f3n \u00a0en tratamiento para el dolor\/INAPLICACION DE NORMAS DEL PLAN OBLIGATORIO DE SALUD-Casos en que procede por exclusi\u00f3n de tratamientos y medicamentos de alto costo\/DERECHO A LA SALUD-Pr\u00e1ctica de cirug\u00eda sin necesidad del copago y repetici\u00f3n contra el FOSYGA \u00a0 Accionante: Pa\u00fal Anderzoll Castillo P\u00e9rez \u00a0 Procedencia: Juzgado Primero Civil Municipal de Bogot\u00e1 \u00a0 Magistrado Ponente:\u00a0 \u00a0 Dr. MARCO GERARDO MONROY CABRA \u00a0 Bogot\u00e1 D. C., \u00a0veintinueve (29) de septiembre de dos mil cinco (2005). \u00a0 La Sala Sexta de la Corte Constitucional, integrada por los Magistrados doctores, Humberto ...<br \/><div class=\"pt-cv-rmwrap\"><a href=\"https:\/\/www.dmsjuridica.com\/buscador_20179478954\/corteconstitucionalcronologico202454587\/t-995-05\/\" class=\"_self pt-cv-readmore btn btn-success\" target=\"_self\">Ver Sentencia Completa...<\/a><\/div><\/div><\/div><\/div>\n<div class=\"col-md-12 col-sm-12 col-xs-12 pt-cv-content-item pt-cv-1-col\" ><div class='pt-cv-ifield'><a href=\"https:\/\/www.dmsjuridica.com\/buscador_20179478954\/corteconstitucionalcronologico202454587\/t-994-05\/\" class=\"_self pt-cv-href-thumbnail pt-cv-thumb-default\" target=\"_self\" ><\/a>\n<div class=\"pt-cv-taxoterm above_title\"><a href='https:\/\/www.dmsjuridica.com\/buscador_20179478954\/corteconstitucionalcronologico202454587\/category\/buscar-en-toda-la-corte\/2005\/tutelas-2005\/' title='Tutelas 2005' class='pt-cv-tax-tutelas-2005'>Tutelas 2005<\/a><\/div>\n<h4 class=\"pt-cv-title\"><a href=\"https:\/\/www.dmsjuridica.com\/buscador_20179478954\/corteconstitucionalcronologico202454587\/t-994-05\/\" class=\"_self\" target=\"_self\" >T-994-05<\/a><\/h4>\n<div class=\"pt-cv-content\">\u00a0 \u00a0 Sentencia T-994\/05 \u00a0 ACCION DE TUTELA CONTRA PROVIDENCIAS JUDICIALES-Evoluci\u00f3n jurisprudencial\/ACCION DE TUTELA CONTRA PROVIDENCIAS JUDICIALES-Causales gen\u00e9ricas de procedibilidad \u00a0 Referencia: expediente T-1132194 \u00a0 Acci\u00f3n de tutela instaurada por Mar\u00eda Ana Mercedes Valderrama de Valderrama contra la Sala Laboral del Tribunal Superior de Bogot\u00e1 D.C. \u00a0 Magistrado Ponente: \u00a0 Dr. HUMBERTO ANTONIO SIERRA PORTO. \u00a0 Bogot\u00e1 D. C., veintinueve (29) de septiembre de dos mil cinco (2005). \u00a0 La Sala S\u00e9ptima de Revisi\u00f3n de la Corte Constitucional, integrada por los magistrados Clara In\u00e9s Vargas Hern\u00e1ndez, \u00c1lvaro Tafur Galvis y Humberto Antonio Sierra Porto, quien la preside, en ejercicio de ...<br \/><div class=\"pt-cv-rmwrap\"><a href=\"https:\/\/www.dmsjuridica.com\/buscador_20179478954\/corteconstitucionalcronologico202454587\/t-994-05\/\" class=\"_self pt-cv-readmore btn btn-success\" target=\"_self\">Ver Sentencia Completa...<\/a><\/div><\/div><\/div><\/div>\n<div class=\"col-md-12 col-sm-12 col-xs-12 pt-cv-content-item pt-cv-1-col\" ><div class='pt-cv-ifield'><a href=\"https:\/\/www.dmsjuridica.com\/buscador_20179478954\/corteconstitucionalcronologico202454587\/t-993-05\/\" class=\"_self pt-cv-href-thumbnail pt-cv-thumb-default\" target=\"_self\" ><\/a>\n<div class=\"pt-cv-taxoterm above_title\"><a href='https:\/\/www.dmsjuridica.com\/buscador_20179478954\/corteconstitucionalcronologico202454587\/category\/buscar-en-toda-la-corte\/2005\/tutelas-2005\/' title='Tutelas 2005' class='pt-cv-tax-tutelas-2005'>Tutelas 2005<\/a><\/div>\n<h4 class=\"pt-cv-title\"><a href=\"https:\/\/www.dmsjuridica.com\/buscador_20179478954\/corteconstitucionalcronologico202454587\/t-993-05\/\" class=\"_self\" target=\"_self\" >T-993-05<\/a><\/h4>\n<div class=\"pt-cv-content\">\u00a0 \u00a0 Sentencia T-993\/05 \u00a0 ACCION DE TUTELA CONTRA ENTIDAD FINANCIERA-Procedencia por prestaci\u00f3n de servicio p\u00fablico \u00a0 ENTIDAD FINANCIERA-Reliquidaci\u00f3n y redenominaci\u00f3n de cr\u00e9ditos en moneda legal a UVR es una disposici\u00f3n expresa del legislador \u00a0 ENTIDAD FINANCIERA-Inform\u00f3 a la usuaria de la redenominaci\u00f3n del cr\u00e9dito hipotecario\u00a0 \u00a0 DEBIDO PROCESO EN ENTIDAD FINANCIERA-Inexistencia de vulneraci\u00f3n en la redenominaci\u00f3n del cr\u00e9dito hipotecario \u00a0 ACCION DE TUTELA CONTRA ENTIDAD FINANCIERA-Improcedencia por encontrarse en curso proceso ordinario\u00a0 \u00a0 DERECHO DE PETICION-Inexistencia de vulneraci\u00f3n al darse respuesta oportuna y de fondo\u00a0 \u00a0 Referencia: expediente T-1107655 \u00a0 Peticionaria: Julieta Isabel Mej\u00eda Arcila \u00a0 Procedencia: Tribunal Superior ...<br \/><div class=\"pt-cv-rmwrap\"><a href=\"https:\/\/www.dmsjuridica.com\/buscador_20179478954\/corteconstitucionalcronologico202454587\/t-993-05\/\" class=\"_self pt-cv-readmore btn btn-success\" target=\"_self\">Ver Sentencia Completa...<\/a><\/div><\/div><\/div><\/div>\n<div class=\"col-md-12 col-sm-12 col-xs-12 pt-cv-content-item pt-cv-1-col\" ><div class='pt-cv-ifield'><a href=\"https:\/\/www.dmsjuridica.com\/buscador_20179478954\/corteconstitucionalcronologico202454587\/t-992-05\/\" class=\"_self pt-cv-href-thumbnail pt-cv-thumb-default\" target=\"_self\" ><\/a>\n<div class=\"pt-cv-taxoterm above_title\"><a href='https:\/\/www.dmsjuridica.com\/buscador_20179478954\/corteconstitucionalcronologico202454587\/category\/buscar-en-toda-la-corte\/2005\/tutelas-2005\/' title='Tutelas 2005' class='pt-cv-tax-tutelas-2005'>Tutelas 2005<\/a><\/div>\n<h4 class=\"pt-cv-title\"><a href=\"https:\/\/www.dmsjuridica.com\/buscador_20179478954\/corteconstitucionalcronologico202454587\/t-992-05\/\" class=\"_self\" target=\"_self\" >T-992-05<\/a><\/h4>\n<div class=\"pt-cv-content\">\u00a0 \u00a0 Sentencia T-992\/05 \u00a0 PRINCIPIO DE PRIMACIA DE LA REALIDAD SOBRE FORMALIDADES EN RELACIONES LABORALES-Finalidad \u00a0 El principio de primac\u00eda de la realidad en las relaciones laborales permite determinar la situaci\u00f3n real en que se encuentra el trabajador respecto del patrono, la realidad de los hechos y las situaciones objetivas surgidas entre estos. Debido a esto es posible afirmar la existencia de un contrato de trabajo y desvirtuar las formas jur\u00eddicas mediante las cuales se pretende encubrir, tal como ocurre con los contratos civiles o comerciales o a\u00fan con los contratos de prestaci\u00f3n de servicios. \u00a0 DERECHO A LA ...<br \/><div class=\"pt-cv-rmwrap\"><a href=\"https:\/\/www.dmsjuridica.com\/buscador_20179478954\/corteconstitucionalcronologico202454587\/t-992-05\/\" class=\"_self pt-cv-readmore btn btn-success\" target=\"_self\">Ver Sentencia Completa...<\/a><\/div><\/div><\/div><\/div>\n<div class=\"col-md-12 col-sm-12 col-xs-12 pt-cv-content-item pt-cv-1-col\" ><div class='pt-cv-ifield'><a href=\"https:\/\/www.dmsjuridica.com\/buscador_20179478954\/corteconstitucionalcronologico202454587\/t-991-05\/\" class=\"_self pt-cv-href-thumbnail pt-cv-thumb-default\" target=\"_self\" ><\/a>\n<div class=\"pt-cv-taxoterm above_title\"><a href='https:\/\/www.dmsjuridica.com\/buscador_20179478954\/corteconstitucionalcronologico202454587\/category\/buscar-en-toda-la-corte\/2005\/tutelas-2005\/' title='Tutelas 2005' class='pt-cv-tax-tutelas-2005'>Tutelas 2005<\/a><\/div>\n<h4 class=\"pt-cv-title\"><a href=\"https:\/\/www.dmsjuridica.com\/buscador_20179478954\/corteconstitucionalcronologico202454587\/t-991-05\/\" class=\"_self\" target=\"_self\" >T-991-05<\/a><\/h4>\n<div class=\"pt-cv-content\">\u00a0 \u00a0 Sentencia T-991\/05 \u00a0 DERECHO DE PETICION-Reglas jurisprudenciales\/DERECHO DE PETICION-Prueba de que la entidad a la cual se dirigi\u00f3 la solicitud la recibi\u00f3 efectivamente. \u00a0 No basta, por tanto, que el accionante afirme que su derecho de petici\u00f3n est\u00e1 siendo quebrantado, es necesario que respalde su afirmaci\u00f3n con elementos que permitan comprobar su aserto, de modo que quien afirma que present\u00f3 una solicitud y no ha obtenido respuesta deber\u00e1 presentar copia de la misma recibida por la autoridad demandada o suministrar alguna informaci\u00f3n sobre las circunstancias de modo tiempo y lugar que acompa\u00f1aron su petici\u00f3n, a fin de que ...<br \/><div class=\"pt-cv-rmwrap\"><a href=\"https:\/\/www.dmsjuridica.com\/buscador_20179478954\/corteconstitucionalcronologico202454587\/t-991-05\/\" class=\"_self pt-cv-readmore btn btn-success\" target=\"_self\">Ver Sentencia Completa...<\/a><\/div><\/div><\/div><\/div>\n<div class=\"col-md-12 col-sm-12 col-xs-12 pt-cv-content-item pt-cv-1-col\" ><div class='pt-cv-ifield'><a href=\"https:\/\/www.dmsjuridica.com\/buscador_20179478954\/corteconstitucionalcronologico202454587\/t-990-05\/\" class=\"_self pt-cv-href-thumbnail pt-cv-thumb-default\" target=\"_self\" ><\/a>\n<div class=\"pt-cv-taxoterm above_title\"><a href='https:\/\/www.dmsjuridica.com\/buscador_20179478954\/corteconstitucionalcronologico202454587\/category\/buscar-en-toda-la-corte\/2005\/tutelas-2005\/' title='Tutelas 2005' class='pt-cv-tax-tutelas-2005'>Tutelas 2005<\/a><\/div>\n<h4 class=\"pt-cv-title\"><a href=\"https:\/\/www.dmsjuridica.com\/buscador_20179478954\/corteconstitucionalcronologico202454587\/t-990-05\/\" class=\"_self\" target=\"_self\" >T-990-05<\/a><\/h4>\n<div class=\"pt-cv-content\">\u00a0 \u00a0 Sentencia T-990\/05 \u00a0 DERECHO A LA EDUCACION-Prohibici\u00f3n retenci\u00f3n de notas o certificados por no pago de pensi\u00f3n \u00a0 JURISPRUDENCIA CONSTITUCIONAL-Aprovechamiento grave y escandaloso por los padres con la cultura del no pago de pensi\u00f3n de estudios \u00a0 ACCION DE TUTELA-Pruebas sobre carencia de ingresos para pagar deuda educativa y responsabilidad para asumir el pago \u00a0 Referencia: expediente T-1143720 \u00a0 Magistrado Ponente: \u00a0 \u00a0 Dr. ALFREDO BELTR\u00c1N SIERRA \u00a0 Bogot\u00e1 D. C., veintinueve (29) de septiembre de dos mil cinco (2005). \u00a0 La Sala Segunda de Revisi\u00f3n de la Corte Constitucional, integrada por los magistrados Alfredo Beltr\u00e1n Sierra, Manuel ...<br \/><div class=\"pt-cv-rmwrap\"><a href=\"https:\/\/www.dmsjuridica.com\/buscador_20179478954\/corteconstitucionalcronologico202454587\/t-990-05\/\" class=\"_self pt-cv-readmore btn btn-success\" target=\"_self\">Ver Sentencia Completa...<\/a><\/div><\/div><\/div><\/div>\n<div class=\"col-md-12 col-sm-12 col-xs-12 pt-cv-content-item pt-cv-1-col\" ><div class='pt-cv-ifield'><a href=\"https:\/\/www.dmsjuridica.com\/buscador_20179478954\/corteconstitucionalcronologico202454587\/t-989-05\/\" class=\"_self pt-cv-href-thumbnail pt-cv-thumb-default\" target=\"_self\" ><\/a>\n<div class=\"pt-cv-taxoterm above_title\"><a href='https:\/\/www.dmsjuridica.com\/buscador_20179478954\/corteconstitucionalcronologico202454587\/category\/buscar-en-toda-la-corte\/2005\/tutelas-2005\/' title='Tutelas 2005' class='pt-cv-tax-tutelas-2005'>Tutelas 2005<\/a><\/div>\n<h4 class=\"pt-cv-title\"><a href=\"https:\/\/www.dmsjuridica.com\/buscador_20179478954\/corteconstitucionalcronologico202454587\/t-989-05\/\" class=\"_self\" target=\"_self\" >T-989-05<\/a><\/h4>\n<div class=\"pt-cv-content\">\u00a0 \u00a0 Sentencia T-989\/05 \u00a0 DERECHO A LA SALUD DE PERSONA DE LA TERCERA EDAD-Fundamental aut\u00f3nomo\/ INAPLICACION DE NORMAS DEL PLAN OBLIGATORIO DE SALUD-Casos en que procede por exclusi\u00f3n de tratamientos y medicamentos de alto costo\/DEREHO A LA SALUD DE PERSONA DE LA TERCERA EDAD-Suministro de botox por EPS y repetici\u00f3n contra el FOSYGA \u00a0 Referencia: expediente T-1143860. \u00a0 Demandante: Hugo Efra\u00edn Guerra Galindo. \u00a0 Demandado: Colm\u00e9dica E.P.S.\u00a0 \u00a0 Magistrado Ponente:\u00a0 \u00a0 Dr. RODRIGO ESCOBAR GIL. \u00a0 Bogot\u00e1, D. C., veintisiete (27) de septiembre de dos mil cinco (2005). \u00a0 SENTENCIA \u00a0 En el tr\u00e1mite de revisi\u00f3n de los fallos ...<br \/><div class=\"pt-cv-rmwrap\"><a href=\"https:\/\/www.dmsjuridica.com\/buscador_20179478954\/corteconstitucionalcronologico202454587\/t-989-05\/\" class=\"_self pt-cv-readmore btn btn-success\" target=\"_self\">Ver Sentencia Completa...<\/a><\/div><\/div><\/div><\/div>\n<div class=\"col-md-12 col-sm-12 col-xs-12 pt-cv-content-item pt-cv-1-col\" ><div class='pt-cv-ifield'><a href=\"https:\/\/www.dmsjuridica.com\/buscador_20179478954\/corteconstitucionalcronologico202454587\/t-988-05\/\" class=\"_self pt-cv-href-thumbnail pt-cv-thumb-default\" target=\"_self\" ><\/a>\n<div class=\"pt-cv-taxoterm above_title\"><a href='https:\/\/www.dmsjuridica.com\/buscador_20179478954\/corteconstitucionalcronologico202454587\/category\/buscar-en-toda-la-corte\/2005\/tutelas-2005\/' title='Tutelas 2005' class='pt-cv-tax-tutelas-2005'>Tutelas 2005<\/a><\/div>\n<h4 class=\"pt-cv-title\"><a href=\"https:\/\/www.dmsjuridica.com\/buscador_20179478954\/corteconstitucionalcronologico202454587\/t-988-05\/\" class=\"_self\" target=\"_self\" >T-988-05<\/a><\/h4>\n<div class=\"pt-cv-content\">\u00a0 \u00a0 Sentencia T-988\/05 \u00a0 LEGITIMACION POR ACTIVA EN TUTELA-Hija en representaci\u00f3n de madre enferma \u00a0 DEBER DE SOLIDARIDAD CON PERSONA DE LA TERCERA EDAD-Trato especial\/DERECHO A LA SALUD-Vulneraci\u00f3n cuando por razones contractuales o legales se niegan medicamentos o tratamiento m\u00e9dico \u00a0 El derecho a la salud en conexidad con la vida e integridad personal se vulnera, entre otras circunstancias, cuando por razones de tipo contractual o legal, una entidad encargada de prestar el servicio de salud decide negar la pr\u00e1ctica de un tratamiento o el suministro de medicamentos poniendo en riesgo los precitados derechos de las personas.\u00a0 \u00a0 INAPLICACION ...<br \/><div class=\"pt-cv-rmwrap\"><a href=\"https:\/\/www.dmsjuridica.com\/buscador_20179478954\/corteconstitucionalcronologico202454587\/t-988-05\/\" class=\"_self pt-cv-readmore btn btn-success\" target=\"_self\">Ver Sentencia Completa...<\/a><\/div><\/div><\/div><\/div>\n<div class=\"col-md-12 col-sm-12 col-xs-12 pt-cv-content-item pt-cv-1-col\" ><div class='pt-cv-ifield'><a href=\"https:\/\/www.dmsjuridica.com\/buscador_20179478954\/corteconstitucionalcronologico202454587\/t-978-05\/\" class=\"_self pt-cv-href-thumbnail pt-cv-thumb-default\" target=\"_self\" ><\/a>\n<div class=\"pt-cv-taxoterm above_title\"><a href='https:\/\/www.dmsjuridica.com\/buscador_20179478954\/corteconstitucionalcronologico202454587\/category\/buscar-en-toda-la-corte\/2005\/tutelas-2005\/' title='Tutelas 2005' class='pt-cv-tax-tutelas-2005'>Tutelas 2005<\/a><\/div>\n<h4 class=\"pt-cv-title\"><a href=\"https:\/\/www.dmsjuridica.com\/buscador_20179478954\/corteconstitucionalcronologico202454587\/t-978-05\/\" class=\"_self\" target=\"_self\" >T-978-05<\/a><\/h4>\n<div class=\"pt-cv-content\">\u00a0 \u00a0 Sentencia T-978\/05 \u00a0 DERECHO AL MINIMO VITAL DEL PENSIONADO-Inclusi\u00f3n en n\u00f3mina \u00a0 Reiteraci\u00f3n de Jurisprudencia \u00a0 Referencia: expediente T-1186204 \u00a0 Acci\u00f3n de tutela instaurada por Ligia Santacruz de G\u00f3mez contra la Caja Nacional de Previsi\u00f3n Social --CAJANAL. \u00a0 Magistrado Ponente: \u00a0 Dr. MANUEL JOS\u00c9 CEPEDA ESPINOSA \u00a0 Bogot\u00e1, D. C., veintitr\u00e9s (23) de septiembre de dos mil cinco (2005). \u00a0 La Sala Tercera de Revisi\u00f3n de la Corte Constitucional, integrada por los Magistrados Manuel Jos\u00e9 Cepeda Espinosa, Jaime C\u00f3rdoba Trivi\u00f1o y Rodrigo Escobar Gil, en ejercicio de sus competencias constitucionales y legales, ha proferido la siguiente \u00a0 SENTENCIA ...<br \/><div class=\"pt-cv-rmwrap\"><a href=\"https:\/\/www.dmsjuridica.com\/buscador_20179478954\/corteconstitucionalcronologico202454587\/t-978-05\/\" class=\"_self pt-cv-readmore btn btn-success\" target=\"_self\">Ver Sentencia Completa...<\/a><\/div><\/div><\/div><\/div>\n<div class=\"col-md-12 col-sm-12 col-xs-12 pt-cv-content-item pt-cv-1-col\" ><div class='pt-cv-ifield'><a href=\"https:\/\/www.dmsjuridica.com\/buscador_20179478954\/corteconstitucionalcronologico202454587\/t-977-05\/\" class=\"_self pt-cv-href-thumbnail pt-cv-thumb-default\" target=\"_self\" ><\/a>\n<div class=\"pt-cv-taxoterm above_title\"><a href='https:\/\/www.dmsjuridica.com\/buscador_20179478954\/corteconstitucionalcronologico202454587\/category\/buscar-en-toda-la-corte\/2005\/tutelas-2005\/' title='Tutelas 2005' class='pt-cv-tax-tutelas-2005'>Tutelas 2005<\/a><\/div>\n<h4 class=\"pt-cv-title\"><a href=\"https:\/\/www.dmsjuridica.com\/buscador_20179478954\/corteconstitucionalcronologico202454587\/t-977-05\/\" class=\"_self\" target=\"_self\" >T-977-05<\/a><\/h4>\n<div class=\"pt-cv-content\">\u00a0 \u00a0 Sentencia T-977\/05 \u00a0 DERECHO DE PETICION-Requisitos de la respuesta\/DERECHO DE PETICION EN MATERIA PENSIONAL-T\u00e9rminos para resolver \u00a0 Reiteraci\u00f3n de Jurisprudencia \u00a0 Referencia: expediente T-1181283 \u00a0 Acci\u00f3n de tutela instaurada por Oscar Jos\u00e9 Noguera Cuello contra el Ministerio de la Protecci\u00f3n Social - Coordinaci\u00f3n de Pensiones del Grupo de Trabajo para la Gesti\u00f3n del Pasivo Social de la Empresa Puertos de Colombia \u00a0 Magistrado Ponente: \u00a0 Dr. MANUEL JOS\u00c9 CEPEDA ESPINOSA \u00a0 Bogot\u00e1 D. C., veintitr\u00e9s (23) de septiembre de dos mil cinco (2005). \u00a0 La Sala Tercera de Revisi\u00f3n de la Corte Constitucional, integrada por los Magistrados Manuel ...<br \/><div class=\"pt-cv-rmwrap\"><a href=\"https:\/\/www.dmsjuridica.com\/buscador_20179478954\/corteconstitucionalcronologico202454587\/t-977-05\/\" class=\"_self pt-cv-readmore btn btn-success\" target=\"_self\">Ver Sentencia Completa...<\/a><\/div><\/div><\/div><\/div>\n<div class=\"col-md-12 col-sm-12 col-xs-12 pt-cv-content-item pt-cv-1-col\" ><div class='pt-cv-ifield'><a href=\"https:\/\/www.dmsjuridica.com\/buscador_20179478954\/corteconstitucionalcronologico202454587\/t-976-05\/\" class=\"_self pt-cv-href-thumbnail pt-cv-thumb-default\" target=\"_self\" ><\/a>\n<div class=\"pt-cv-taxoterm above_title\"><a href='https:\/\/www.dmsjuridica.com\/buscador_20179478954\/corteconstitucionalcronologico202454587\/category\/buscar-en-toda-la-corte\/2005\/tutelas-2005\/' title='Tutelas 2005' class='pt-cv-tax-tutelas-2005'>Tutelas 2005<\/a><\/div>\n<h4 class=\"pt-cv-title\"><a href=\"https:\/\/www.dmsjuridica.com\/buscador_20179478954\/corteconstitucionalcronologico202454587\/t-976-05\/\" class=\"_self\" target=\"_self\" >T-976-05<\/a><\/h4>\n<div class=\"pt-cv-content\">\u00a0 \u00a0 NOTA DE LA RELATORIA: LA SENTENCIA T-976 DE 2005 FUE CORREGIDA MEDIANTE AUTO 276 DEL 6 DE DICIEMBRE DE 2005. \u00a0 Sentencia T-976\/05 \u00a0 DERECHO A LA SALUD DEL NI\u00d1O-Conexidad con la integridad personal\/DERECHO A LA SALUD DEL NI\u00d1O-Suministro de medicamentos excluidos del POS y repetici\u00f3n contra el FOSYGA \u00a0 Reiteraci\u00f3n de Jurisprudencia \u00a0 Referencia: expediente T-1170095 \u00a0 Acci\u00f3n de tutela instaurada por Petrona Lara Cuentas contra el Instituto de Seguros Sociales E.P.S.\u00a0 \u00a0 Magistrado Ponente \u00a0 Dr. MANUEL JOS\u00c9 CEPEDA ESPINOSA \u00a0 Bogot\u00e1, D. C., veintitr\u00e9s (23) de septiembre de dos mil cinco (2005). \u00a0 Teniendo en ...<br \/><div class=\"pt-cv-rmwrap\"><a href=\"https:\/\/www.dmsjuridica.com\/buscador_20179478954\/corteconstitucionalcronologico202454587\/t-976-05\/\" class=\"_self pt-cv-readmore btn btn-success\" target=\"_self\">Ver Sentencia Completa...<\/a><\/div><\/div><\/div><\/div>\n<div class=\"col-md-12 col-sm-12 col-xs-12 pt-cv-content-item pt-cv-1-col\" ><div class='pt-cv-ifield'><a href=\"https:\/\/www.dmsjuridica.com\/buscador_20179478954\/corteconstitucionalcronologico202454587\/t-975-05\/\" class=\"_self pt-cv-href-thumbnail pt-cv-thumb-default\" target=\"_self\" ><\/a>\n<div class=\"pt-cv-taxoterm above_title\"><a href='https:\/\/www.dmsjuridica.com\/buscador_20179478954\/corteconstitucionalcronologico202454587\/category\/buscar-en-toda-la-corte\/2005\/tutelas-2005\/' title='Tutelas 2005' class='pt-cv-tax-tutelas-2005'>Tutelas 2005<\/a><\/div>\n<h4 class=\"pt-cv-title\"><a href=\"https:\/\/www.dmsjuridica.com\/buscador_20179478954\/corteconstitucionalcronologico202454587\/t-975-05\/\" class=\"_self\" target=\"_self\" >T-975-05<\/a><\/h4>\n<div class=\"pt-cv-content\">\u00a0 \u00a0 Sentencia T-975\/05 \u00a0 APODERADO JUDICIAL EN TUTELA-Requisitos\/ACCION DE TUTELA-Falta de especificidad o determinaci\u00f3n en el poder del abogado \u00a0 El poder presentado por la abogada, se refiere de manera indeterminada a la interposici\u00f3n de una acci\u00f3n de tutela, sin que se precise el derecho o derechos cuya protecci\u00f3n se solicitar\u00e1, o se especifiquen los hechos que sirven de fundamento para su interposici\u00f3n, de tal manera que sea posible distinguir este poder de otros que haya podido otorgar la actora. El hecho de que dicho poder hubiera sido otorgado dos meses antes de la ocurrencia de los hechos generadores ...<br \/><div class=\"pt-cv-rmwrap\"><a href=\"https:\/\/www.dmsjuridica.com\/buscador_20179478954\/corteconstitucionalcronologico202454587\/t-975-05\/\" class=\"_self pt-cv-readmore btn btn-success\" target=\"_self\">Ver Sentencia Completa...<\/a><\/div><\/div><\/div><\/div>\n<div class=\"col-md-12 col-sm-12 col-xs-12 pt-cv-content-item pt-cv-1-col\" ><div class='pt-cv-ifield'><a href=\"https:\/\/www.dmsjuridica.com\/buscador_20179478954\/corteconstitucionalcronologico202454587\/t-974-05\/\" class=\"_self pt-cv-href-thumbnail pt-cv-thumb-default\" target=\"_self\" ><\/a>\n<div class=\"pt-cv-taxoterm above_title\"><a href='https:\/\/www.dmsjuridica.com\/buscador_20179478954\/corteconstitucionalcronologico202454587\/category\/buscar-en-toda-la-corte\/2005\/tutelas-2005\/' title='Tutelas 2005' class='pt-cv-tax-tutelas-2005'>Tutelas 2005<\/a><\/div>\n<h4 class=\"pt-cv-title\"><a href=\"https:\/\/www.dmsjuridica.com\/buscador_20179478954\/corteconstitucionalcronologico202454587\/t-974-05\/\" class=\"_self\" target=\"_self\" >T-974-05<\/a><\/h4>\n<div class=\"pt-cv-content\">\u00a0 \u00a0 Sentencia T-974\/05 \u00a0 DERECHO A LA PENSION DE INVALIDEZ-Fundamental por conexidad\/ACCION DE TUTELA-Procedencia excepcional para reconocimiento de pensi\u00f3n de invalidez\/DERECHO A LA SEGURIDAD SOCIAL-Mora del empleador en pago de aportes pensionales\/PRINCIPIO DE FAVORABILIDAD LABORAL-Aplicaci\u00f3n de normas vigentes al tiempo del suceso \u00a0 Reiteraci\u00f3n de jurisprudencia \u00a0 Referencia: expediente T-1142156 \u00a0 Acci\u00f3n de tutela instaurada por Edgar Hernando Ort\u00edz Herrera, contra la Administradora de Fondos de Pensiones y Cesant\u00edas Santander.\u00a0 \u00a0 Magistrado Ponente: \u00a0 Dr. JAIME ARAUJO RENTER\u00cdA\u00a0 \u00a0 Bogot\u00e1, D. C., veintitr\u00e9s ( 23 ) de septiembre de dos mil cinco (2005). \u00a0 La Sala Primera de Revisi\u00f3n ...<br \/><div class=\"pt-cv-rmwrap\"><a href=\"https:\/\/www.dmsjuridica.com\/buscador_20179478954\/corteconstitucionalcronologico202454587\/t-974-05\/\" class=\"_self pt-cv-readmore btn btn-success\" target=\"_self\">Ver Sentencia Completa...<\/a><\/div><\/div><\/div><\/div>\n<div class=\"col-md-12 col-sm-12 col-xs-12 pt-cv-content-item pt-cv-1-col\" ><div class='pt-cv-ifield'><a href=\"https:\/\/www.dmsjuridica.com\/buscador_20179478954\/corteconstitucionalcronologico202454587\/t-973-05\/\" class=\"_self pt-cv-href-thumbnail pt-cv-thumb-default\" target=\"_self\" ><\/a>\n<div class=\"pt-cv-taxoterm above_title\"><a href='https:\/\/www.dmsjuridica.com\/buscador_20179478954\/corteconstitucionalcronologico202454587\/category\/buscar-en-toda-la-corte\/2005\/tutelas-2005\/' title='Tutelas 2005' class='pt-cv-tax-tutelas-2005'>Tutelas 2005<\/a><\/div>\n<h4 class=\"pt-cv-title\"><a href=\"https:\/\/www.dmsjuridica.com\/buscador_20179478954\/corteconstitucionalcronologico202454587\/t-973-05\/\" class=\"_self\" target=\"_self\" >T-973-05<\/a><\/h4>\n<div class=\"pt-cv-content\">\u00a0 \u00a0 Sentencia T-973\/05 \u00a0 ACCION DE TUTELA TRANSITORIA-Existencia de perjuicio irremediable \u00a0 DERECHO AL MINIMO VITAL-Requisitos para acreditar vulneraci\u00f3n\/DERECHO AL MINIMO VITAL DEL PENSIONADO-Presunci\u00f3n de afectaci\u00f3n por ausencia prolongada en pago de mesadas\/DERECHO AL MINIMO VITAL DEL PENSIONADO-Pago oportuno y completo de mesadas\/PENSION DE JUBILACION-Manejos administrativos y financieros no pueden ser asumidos por el pensionado \u00a0 Referencia: expediente T-1127068\u00a0 \u00a0 Acci\u00f3n de tutela instaurada por Beatriz Helena Ch\u00e1vez Osorio contra el Ministerio de Hacienda y Cr\u00e9dito P\u00fablico, la Gobernaci\u00f3n del Atl\u00e1ntico y la Universidad del Atl\u00e1ntico\u00a0 \u00a0 Magistrado Ponente: \u00a0 Dr. JAIME ARA\u00daJO RENTER\u00cdA \u00a0 Bogot\u00e1, D. C., veintitr\u00e9s ...<br \/><div class=\"pt-cv-rmwrap\"><a href=\"https:\/\/www.dmsjuridica.com\/buscador_20179478954\/corteconstitucionalcronologico202454587\/t-973-05\/\" class=\"_self pt-cv-readmore btn btn-success\" target=\"_self\">Ver Sentencia Completa...<\/a><\/div><\/div><\/div><\/div>\n<div class=\"col-md-12 col-sm-12 col-xs-12 pt-cv-content-item pt-cv-1-col\" ><div class='pt-cv-ifield'><a href=\"https:\/\/www.dmsjuridica.com\/buscador_20179478954\/corteconstitucionalcronologico202454587\/t-972-05\/\" class=\"_self pt-cv-href-thumbnail pt-cv-thumb-default\" target=\"_self\" ><\/a>\n<div class=\"pt-cv-taxoterm above_title\"><a href='https:\/\/www.dmsjuridica.com\/buscador_20179478954\/corteconstitucionalcronologico202454587\/category\/buscar-en-toda-la-corte\/2005\/tutelas-2005\/' title='Tutelas 2005' class='pt-cv-tax-tutelas-2005'>Tutelas 2005<\/a><\/div>\n<h4 class=\"pt-cv-title\"><a href=\"https:\/\/www.dmsjuridica.com\/buscador_20179478954\/corteconstitucionalcronologico202454587\/t-972-05\/\" class=\"_self\" target=\"_self\" >T-972-05<\/a><\/h4>\n<div class=\"pt-cv-content\">\u00a0 \u00a0 Sentencia T-972\/05 \u00a0 RESERVA JUDICIAL DE LA LIBERTAD-Alcance respecto del \u00e1mbito de ejecuci\u00f3n de la pena \u00a0 De la Constituci\u00f3n Pol\u00edtica (Art. 28), de los tratados internacionales sobre derechos humanos, as\u00ed como de la jurisprudencia de esta Corte, se deriva de manera inequ\u00edvoca la estricta reserva judicial que ampara la libertad personal, en virtud de la cual toda restricci\u00f3n de este derecho debe estar precedida de una orden emitida por autoridad judicial\u00a0 competente, expedida con las formalidades legales y por motivos previamente definidos en la ley. Este monopolio en cabeza de los jueces de la Rep\u00fablica para la ...<br \/><div class=\"pt-cv-rmwrap\"><a href=\"https:\/\/www.dmsjuridica.com\/buscador_20179478954\/corteconstitucionalcronologico202454587\/t-972-05\/\" class=\"_self pt-cv-readmore btn btn-success\" target=\"_self\">Ver Sentencia Completa...<\/a><\/div><\/div><\/div><\/div>\n<div class=\"col-md-12 col-sm-12 col-xs-12 pt-cv-content-item pt-cv-1-col\" ><div class='pt-cv-ifield'><a href=\"https:\/\/www.dmsjuridica.com\/buscador_20179478954\/corteconstitucionalcronologico202454587\/t-971-05\/\" class=\"_self pt-cv-href-thumbnail pt-cv-thumb-default\" target=\"_self\" ><\/a>\n<div class=\"pt-cv-taxoterm above_title\"><a href='https:\/\/www.dmsjuridica.com\/buscador_20179478954\/corteconstitucionalcronologico202454587\/category\/buscar-en-toda-la-corte\/2005\/tutelas-2005\/' title='Tutelas 2005' class='pt-cv-tax-tutelas-2005'>Tutelas 2005<\/a><\/div>\n<h4 class=\"pt-cv-title\"><a href=\"https:\/\/www.dmsjuridica.com\/buscador_20179478954\/corteconstitucionalcronologico202454587\/t-971-05\/\" class=\"_self\" target=\"_self\" >T-971-05<\/a><\/h4>\n<div class=\"pt-cv-content\">\u00a0 \u00a0 Sentencia T-971\/05 \u00a0 ACCION DE TUTELA-Procedencia excepcional para reconocimiento y pago de pensi\u00f3n de sobrevivientes\/PENSION DE SOBREVIVIENTES-Elemento de seguro \u00a0 La cotizaci\u00f3n al sistema de seguridad social contiene un elemento de seguro en cuanto a la financiaci\u00f3n de la pensi\u00f3n de sobrevivientes. \u00a0Por lo tanto, las administradoras de pensiones, en aras de cumplir adecuadamente con su obligaci\u00f3n de reconocer y pagar la prestaci\u00f3n, tienen la obligaci\u00f3n legal de suscribir p\u00f3lizas destinados al cubrimiento de las sumas adicionales ante la contingencia de la muerte del trabajador cotizante y descontar de los aportes el porcentaje destinado al pago de la ...<br \/><div class=\"pt-cv-rmwrap\"><a href=\"https:\/\/www.dmsjuridica.com\/buscador_20179478954\/corteconstitucionalcronologico202454587\/t-971-05\/\" class=\"_self pt-cv-readmore btn btn-success\" target=\"_self\">Ver Sentencia Completa...<\/a><\/div><\/div><\/div><\/div>\n<div class=\"col-md-12 col-sm-12 col-xs-12 pt-cv-content-item pt-cv-1-col\" ><div class='pt-cv-ifield'><a href=\"https:\/\/www.dmsjuridica.com\/buscador_20179478954\/corteconstitucionalcronologico202454587\/t-970-05\/\" class=\"_self pt-cv-href-thumbnail pt-cv-thumb-default\" target=\"_self\" ><\/a>\n<div class=\"pt-cv-taxoterm above_title\"><a href='https:\/\/www.dmsjuridica.com\/buscador_20179478954\/corteconstitucionalcronologico202454587\/category\/buscar-en-toda-la-corte\/2005\/tutelas-2005\/' title='Tutelas 2005' class='pt-cv-tax-tutelas-2005'>Tutelas 2005<\/a><\/div>\n<h4 class=\"pt-cv-title\"><a href=\"https:\/\/www.dmsjuridica.com\/buscador_20179478954\/corteconstitucionalcronologico202454587\/t-970-05\/\" class=\"_self\" target=\"_self\" >T-970-05<\/a><\/h4>\n<div class=\"pt-cv-content\">\u00a0 \u00a0 Sentencia T-970\/05 \u00a0 DERECHO A LA SEGURIDAD SOCIAL-Fundamental por conexidad\/ACCION DE TUTELA-Procedencia por demora en expedici\u00f3n del bono pensional\/DERECHO DE PETICION-Eficacia y celeridad en reconocimiento y pago de pensiones \u00a0 Referencia: expediente T-1119275 \u00a0 Accionante: Mar\u00eda Nidia Alzate Cifuentes \u00a0 Procedencia: Tribunal Superior Distrito Judicial Santiago de Cali, Sala Civil. \u00a0 Magistrado Ponente:\u00a0 \u00a0 Dr. MARCO GERARDO MONROY CABRA \u00a0 Bogot\u00e1, D. C., veintid\u00f3s (22) de septiembre de dos mil cinco (2005) \u00a0 La Sala Sexta de Revisi\u00f3n de la Corte Constitucional, integrada por los Magistrados doctores Humberto Antonio Sierra Porto, \u00c1lvaro Tafur Galvis y Marco Gerardo Monroy ...<br \/><div class=\"pt-cv-rmwrap\"><a href=\"https:\/\/www.dmsjuridica.com\/buscador_20179478954\/corteconstitucionalcronologico202454587\/t-970-05\/\" class=\"_self pt-cv-readmore btn btn-success\" target=\"_self\">Ver Sentencia Completa...<\/a><\/div><\/div><\/div><\/div>\n<div class=\"col-md-12 col-sm-12 col-xs-12 pt-cv-content-item pt-cv-1-col\" ><div class='pt-cv-ifield'><a href=\"https:\/\/www.dmsjuridica.com\/buscador_20179478954\/corteconstitucionalcronologico202454587\/t-969-05\/\" class=\"_self pt-cv-href-thumbnail pt-cv-thumb-default\" target=\"_self\" ><\/a>\n<div class=\"pt-cv-taxoterm above_title\"><a href='https:\/\/www.dmsjuridica.com\/buscador_20179478954\/corteconstitucionalcronologico202454587\/category\/buscar-en-toda-la-corte\/2005\/tutelas-2005\/' title='Tutelas 2005' class='pt-cv-tax-tutelas-2005'>Tutelas 2005<\/a><\/div>\n<h4 class=\"pt-cv-title\"><a href=\"https:\/\/www.dmsjuridica.com\/buscador_20179478954\/corteconstitucionalcronologico202454587\/t-969-05\/\" class=\"_self\" target=\"_self\" >T-969-05<\/a><\/h4>\n<div class=\"pt-cv-content\">\u00a0 \u00a0 Sentencia T-969\/05 \u00a0 AGENCIA OFICIOSA EN TUTELA-Legitimidad e inter\u00e9s\/ACCION DE TUTELA-Procedencia excepcional para controvertir orden de traslado \u00a0 IUS VARIANDI-Reglas que deben observarse\/IUS VARIANDI Y ACCION DE TUTELA-Casos en que procede\/ACCION \u00a0DE TUTELA-Procedencia excepcional para revocar traslado atendiendo entorno del trabajador\/TRASLADO LABORAL \u00a0 ACCION DE TUTELA-Marco legal para traslado de docentes \u00a0 Reiteraci\u00f3n de Jurisprudencia \u00a0 \u00a0 Referencia: expediente T-1142301 \u00a0 Acci\u00f3n de tutela instaurada por Segundo Rene Zambrano Recalde contra la Secretar\u00eda Departamental de Educaci\u00f3n de Nari\u00f1o, la Gobernaci\u00f3n de Nari\u00f1o y la Secretar\u00eda Departamental de Educaci\u00f3n de Putumayo. \u00a0 \u00a0 Magistrado Ponente: \u00a0 Dr. MARCO GERARDO ...<br \/><div class=\"pt-cv-rmwrap\"><a href=\"https:\/\/www.dmsjuridica.com\/buscador_20179478954\/corteconstitucionalcronologico202454587\/t-969-05\/\" class=\"_self pt-cv-readmore btn btn-success\" target=\"_self\">Ver Sentencia Completa...<\/a><\/div><\/div><\/div><\/div>\n<div class=\"col-md-12 col-sm-12 col-xs-12 pt-cv-content-item pt-cv-1-col\" ><div class='pt-cv-ifield'><a href=\"https:\/\/www.dmsjuridica.com\/buscador_20179478954\/corteconstitucionalcronologico202454587\/t-968-05\/\" class=\"_self pt-cv-href-thumbnail pt-cv-thumb-default\" target=\"_self\" ><\/a>\n<div class=\"pt-cv-taxoterm above_title\"><a href='https:\/\/www.dmsjuridica.com\/buscador_20179478954\/corteconstitucionalcronologico202454587\/category\/buscar-en-toda-la-corte\/2005\/tutelas-2005\/' title='Tutelas 2005' class='pt-cv-tax-tutelas-2005'>Tutelas 2005<\/a><\/div>\n<h4 class=\"pt-cv-title\"><a href=\"https:\/\/www.dmsjuridica.com\/buscador_20179478954\/corteconstitucionalcronologico202454587\/t-968-05\/\" class=\"_self\" target=\"_self\" >T-968-05<\/a><\/h4>\n<div class=\"pt-cv-content\">\u00a0 \u00a0 Sentencia T-968\/05 \u00a0 CUMPLIMIENTO FALLO DE TUTELA-Corresponde al juez de primera instancia\/CUMPLIMIENTO FALLO DE TUTELA-Falta de competencia de las Salas de Revisi\u00f3n \u00a0 ACCION DE TUTELA-Improcedencia para dirimir conflictos jur\u00eddicos sobre reconocimiento de pensiones\/ACCION DE TUTELA-Requisitos de procedencia excepcional para reconocimiento o reliquidaci\u00f3n de pensiones \u00a0 DERECHO DE PETICION EN MATERIA PENSIONAL-Respuesta oportuna, clara y de fondo DERECHO DE PETICION EN MATERIA PENSIONAL-Claridad en la respuesta es presupuesto para el ejercicio del derecho de defensa \u00a0 La claridad, adem\u00e1s, principalmente en materia de peticiones relativas a pensiones, es presupuesto para el ejercicio del derecho de defensa. En efecto, ...<br \/><div class=\"pt-cv-rmwrap\"><a href=\"https:\/\/www.dmsjuridica.com\/buscador_20179478954\/corteconstitucionalcronologico202454587\/t-968-05\/\" class=\"_self pt-cv-readmore btn btn-success\" target=\"_self\">Ver Sentencia Completa...<\/a><\/div><\/div><\/div><\/div>\n<div class=\"col-md-12 col-sm-12 col-xs-12 pt-cv-content-item pt-cv-1-col\" ><div class='pt-cv-ifield'><a href=\"https:\/\/www.dmsjuridica.com\/buscador_20179478954\/corteconstitucionalcronologico202454587\/t-967-05\/\" class=\"_self pt-cv-href-thumbnail pt-cv-thumb-default\" target=\"_self\" ><\/a>\n<div class=\"pt-cv-taxoterm above_title\"><a href='https:\/\/www.dmsjuridica.com\/buscador_20179478954\/corteconstitucionalcronologico202454587\/category\/buscar-en-toda-la-corte\/2005\/tutelas-2005\/' title='Tutelas 2005' class='pt-cv-tax-tutelas-2005'>Tutelas 2005<\/a><\/div>\n<h4 class=\"pt-cv-title\"><a href=\"https:\/\/www.dmsjuridica.com\/buscador_20179478954\/corteconstitucionalcronologico202454587\/t-967-05\/\" class=\"_self\" target=\"_self\" >T-967-05<\/a><\/h4>\n<div class=\"pt-cv-content\">\u00a0 \u00a0 Sentencia T-967\/05 \u00a0 DERECHO A LA SALUD DE PERSONA DE LA TERCERA EDAD-Protecci\u00f3n\/PLAN OBLIGATORIO DE SALUD-Suministro de medicamentos excluidos del POS \u00a0 ENTIDAD PRESTADORA DE SALUD-Responsabilidades \u00a0 Las responsabilidades de las entidades promotoras de salud y las ARS no terminan con la prescripci\u00f3n de medicamentos y su justificaci\u00f3n, como quiera que, \u201c(\u2026) mientas el usuario permanezca afiliado, est\u00e1 obligada a informar, orientar, apoyar y acompa\u00f1ar al usuario que demanda una atenci\u00f3n no incluida en los Planes obligatorios, en especial cuando tiene derecho a demandar del Estado la prestaci\u00f3n. Obligaciones \u00e9stas que se deben evaluar en cada caso, analizando ...<br \/><div class=\"pt-cv-rmwrap\"><a href=\"https:\/\/www.dmsjuridica.com\/buscador_20179478954\/corteconstitucionalcronologico202454587\/t-967-05\/\" class=\"_self pt-cv-readmore btn btn-success\" target=\"_self\">Ver Sentencia Completa...<\/a><\/div><\/div><\/div><\/div>\n<div class=\"col-md-12 col-sm-12 col-xs-12 pt-cv-content-item pt-cv-1-col\" ><div class='pt-cv-ifield'><a href=\"https:\/\/www.dmsjuridica.com\/buscador_20179478954\/corteconstitucionalcronologico202454587\/t-966-05\/\" class=\"_self pt-cv-href-thumbnail pt-cv-thumb-default\" target=\"_self\" ><\/a>\n<div class=\"pt-cv-taxoterm above_title\"><a href='https:\/\/www.dmsjuridica.com\/buscador_20179478954\/corteconstitucionalcronologico202454587\/category\/buscar-en-toda-la-corte\/2005\/tutelas-2005\/' title='Tutelas 2005' class='pt-cv-tax-tutelas-2005'>Tutelas 2005<\/a><\/div>\n<h4 class=\"pt-cv-title\"><a href=\"https:\/\/www.dmsjuridica.com\/buscador_20179478954\/corteconstitucionalcronologico202454587\/t-966-05\/\" class=\"_self\" target=\"_self\" >T-966-05<\/a><\/h4>\n<div class=\"pt-cv-content\">\u00a0 \u00a0 Sentencia T-966\/05 \u00a0 RECURSO EXTRAORDINARIO DE REVISION-Finalidad\/ACCION DE TUTELA-Improcedencia por existir recurso extraordinario de revisi\u00f3n y pr\u00e1ctica de medidas cautelares \u00a0 El recurso de revisi\u00f3n ha sido establecido para respetar la firmeza de los fallos, con miras a preservar la certeza y obligatoriedad incondicional que acompa\u00f1a a las decisiones de los jueces, sin perjuicio de la necesidad de hacer imperar en ellos los dictados constitucionales y los imperativos legales \u2013art\u00edculos 2\u00b0, 29 y 230 C.P.-, de modo que la validez de la sentencia del 24 de mayo de 2004, proferida dentro del proceso Ordinario promovido por las accionantes ...<br \/><div class=\"pt-cv-rmwrap\"><a href=\"https:\/\/www.dmsjuridica.com\/buscador_20179478954\/corteconstitucionalcronologico202454587\/t-966-05\/\" class=\"_self pt-cv-readmore btn btn-success\" target=\"_self\">Ver Sentencia Completa...<\/a><\/div><\/div><\/div><\/div>\n<div class=\"col-md-12 col-sm-12 col-xs-12 pt-cv-content-item pt-cv-1-col\" ><div class='pt-cv-ifield'><a href=\"https:\/\/www.dmsjuridica.com\/buscador_20179478954\/corteconstitucionalcronologico202454587\/t-965-05\/\" class=\"_self pt-cv-href-thumbnail pt-cv-thumb-default\" target=\"_self\" ><\/a>\n<div class=\"pt-cv-taxoterm above_title\"><a href='https:\/\/www.dmsjuridica.com\/buscador_20179478954\/corteconstitucionalcronologico202454587\/category\/buscar-en-toda-la-corte\/2005\/tutelas-2005\/' title='Tutelas 2005' class='pt-cv-tax-tutelas-2005'>Tutelas 2005<\/a><\/div>\n<h4 class=\"pt-cv-title\"><a href=\"https:\/\/www.dmsjuridica.com\/buscador_20179478954\/corteconstitucionalcronologico202454587\/t-965-05\/\" class=\"_self\" target=\"_self\" >T-965-05<\/a><\/h4>\n<div class=\"pt-cv-content\">\u00a0 \u00a0 Sentencia T-965\/05 \u00a0 DERECHOS DEL NI\u00d1O-Fundamentales\/SERVICIO PUBLICO DE SALUD-Continuidad, oportunidad e integralidad acorde con la dignidad humana\/REGIMEN SUBSIDIADO DE SALUD-Finalidad\/REGIMEN DE SEGURIDAD SOCIAL EN SALUD-Afiliados a r\u00e9gimen contributivo o subsidiado y participantes vinculados\/SISTEMA GENERAL DE SALUD-Pagos compartidos y cuotas moderadoras\/SISTEMA GENERAL DE SALUD- Exoneraci\u00f3n del copago a participantes vinculados que padezcan enfermedad catastr\u00f3fica o ruinosa\/DERECHOS FUNDAMENTALES DEL NI\u00d1O-Prueba de la incapacidad econ\u00f3mica para cancelar el copago \u00a0 En el caso objeto de revisi\u00f3n, adem\u00e1s de haberse comprobado la incapacidad econ\u00f3mica de la accionante para cancelar el copago que se le exige para la pr\u00e1ctica de la intervenci\u00f3n quir\u00fargica ...<br \/><div class=\"pt-cv-rmwrap\"><a href=\"https:\/\/www.dmsjuridica.com\/buscador_20179478954\/corteconstitucionalcronologico202454587\/t-965-05\/\" class=\"_self pt-cv-readmore btn btn-success\" target=\"_self\">Ver Sentencia Completa...<\/a><\/div><\/div><\/div><\/div>\n<div class=\"col-md-12 col-sm-12 col-xs-12 pt-cv-content-item pt-cv-1-col\" ><div class='pt-cv-ifield'><a href=\"https:\/\/www.dmsjuridica.com\/buscador_20179478954\/corteconstitucionalcronologico202454587\/t-964-05\/\" class=\"_self pt-cv-href-thumbnail pt-cv-thumb-default\" target=\"_self\" ><\/a>\n<div class=\"pt-cv-taxoterm above_title\"><a href='https:\/\/www.dmsjuridica.com\/buscador_20179478954\/corteconstitucionalcronologico202454587\/category\/buscar-en-toda-la-corte\/2005\/tutelas-2005\/' title='Tutelas 2005' class='pt-cv-tax-tutelas-2005'>Tutelas 2005<\/a><\/div>\n<h4 class=\"pt-cv-title\"><a href=\"https:\/\/www.dmsjuridica.com\/buscador_20179478954\/corteconstitucionalcronologico202454587\/t-964-05\/\" class=\"_self\" target=\"_self\" >T-964-05<\/a><\/h4>\n<div class=\"pt-cv-content\">\u00a0 \u00a0 Sentencia T-964\/05 \u00a0 DERECHO A LA ESTABILIDAD LABORAL REFORZADA DE MUJER EMBARAZADA-Alcance\/MUJER EMBARAZADA-Protecci\u00f3n constitucional especial\/MUJER EMBARAZADA-Terminaci\u00f3n del contrato laboral \u00a0 La terminaci\u00f3n del contrato (orden de prestaci\u00f3n de servicios) de una mujer que se encuentre en estado de embarazo, trasciende el plano legal y se convierte en una situaci\u00f3n constitucionalmente relevante, susceptible de ser debatida en el \u00e1mbito de la acci\u00f3n de tutela, siempre y cuando est\u00e9n presentes los presupuestos se\u00f1alados por la jurisprudencia de esta Corporaci\u00f3n, que hagan procedente el amparo constitucional de manera transitoria para evitar un perjuicio irremediable. \u00a0 DERECHO A LA ESTABILIDAD LABORAL REFORZADA ...<br \/><div class=\"pt-cv-rmwrap\"><a href=\"https:\/\/www.dmsjuridica.com\/buscador_20179478954\/corteconstitucionalcronologico202454587\/t-964-05\/\" class=\"_self pt-cv-readmore btn btn-success\" target=\"_self\">Ver Sentencia Completa...<\/a><\/div><\/div><\/div><\/div>\n<div class=\"col-md-12 col-sm-12 col-xs-12 pt-cv-content-item pt-cv-1-col\" ><div class='pt-cv-ifield'><a href=\"https:\/\/www.dmsjuridica.com\/buscador_20179478954\/corteconstitucionalcronologico202454587\/t-963-05\/\" class=\"_self pt-cv-href-thumbnail pt-cv-thumb-default\" target=\"_self\" ><\/a>\n<div class=\"pt-cv-taxoterm above_title\"><a href='https:\/\/www.dmsjuridica.com\/buscador_20179478954\/corteconstitucionalcronologico202454587\/category\/buscar-en-toda-la-corte\/2005\/tutelas-2005\/' title='Tutelas 2005' class='pt-cv-tax-tutelas-2005'>Tutelas 2005<\/a><\/div>\n<h4 class=\"pt-cv-title\"><a href=\"https:\/\/www.dmsjuridica.com\/buscador_20179478954\/corteconstitucionalcronologico202454587\/t-963-05\/\" class=\"_self\" target=\"_self\" >T-963-05<\/a><\/h4>\n<div class=\"pt-cv-content\">\u00a0 \u00a0 Sentencia T-963\/05 \u00a0 JUEZ DE TUTELA-Potestad disciplinaria \u00a0 Las facultades conferidas al Juez de tutela por los art\u00edculos 27 y 52 del Decreto 2591 de 1991 comportan una manifestaci\u00f3n del poder disciplinario del Estado, de donde se colige que los jueces de amparo integran la jurisdicci\u00f3n disciplinaria y se someten a sus principios, es decir que ellos deber\u00e1n observar en sus investigaciones y decisiones las \u201cnormas que determinen la ritualidad del proceso\u201d, a presumir que el imputado es inocente hasta que no se le demuestre lo contrario y a respetarle su derecho a la defensa. Establecido entonces que ...<br \/><div class=\"pt-cv-rmwrap\"><a href=\"https:\/\/www.dmsjuridica.com\/buscador_20179478954\/corteconstitucionalcronologico202454587\/t-963-05\/\" class=\"_self pt-cv-readmore btn btn-success\" target=\"_self\">Ver Sentencia Completa...<\/a><\/div><\/div><\/div><\/div>\n<div class=\"col-md-12 col-sm-12 col-xs-12 pt-cv-content-item pt-cv-1-col\" ><div class='pt-cv-ifield'><a href=\"https:\/\/www.dmsjuridica.com\/buscador_20179478954\/corteconstitucionalcronologico202454587\/t-962-05\/\" class=\"_self pt-cv-href-thumbnail pt-cv-thumb-default\" target=\"_self\" ><\/a>\n<div class=\"pt-cv-taxoterm above_title\"><a href='https:\/\/www.dmsjuridica.com\/buscador_20179478954\/corteconstitucionalcronologico202454587\/category\/buscar-en-toda-la-corte\/2005\/tutelas-2005\/' title='Tutelas 2005' class='pt-cv-tax-tutelas-2005'>Tutelas 2005<\/a><\/div>\n<h4 class=\"pt-cv-title\"><a href=\"https:\/\/www.dmsjuridica.com\/buscador_20179478954\/corteconstitucionalcronologico202454587\/t-962-05\/\" class=\"_self\" target=\"_self\" >T-962-05<\/a><\/h4>\n<div class=\"pt-cv-content\">\u00a0 \u00a0 Sentencia T-962\/05 \u00a0 ACCION DE TUTELA-Procedencia excepcional para reclamar procedimientos excluidos del POS\/REGIMEN SUBSIDIADO DE SALUD-Atenci\u00f3n inmediata de afiliado cuando se lesionan derechos fundamentales y el procedimiento est\u00e1 excluido del POS \u00a0 Cuando una persona afiliada al r\u00e9gimen subsidiado de salud requiera la prestaci\u00f3n de un servicio excluido del POS-S y el juez constitucional que conozca del asunto advierta que el no suministro del mismo lesiona sus derechos fundamentales a una vida digna y a la salud, \u00e9ste deber\u00e1 ordenar la realizaci\u00f3n inmediata del tratamiento, procedimiento o intervenci\u00f3n que se demande y deber\u00e1 ponderar, dependiendo de las caracter\u00edsticas ...<br \/><div class=\"pt-cv-rmwrap\"><a href=\"https:\/\/www.dmsjuridica.com\/buscador_20179478954\/corteconstitucionalcronologico202454587\/t-962-05\/\" class=\"_self pt-cv-readmore btn btn-success\" target=\"_self\">Ver Sentencia Completa...<\/a><\/div><\/div><\/div><\/div>\n<div class=\"col-md-12 col-sm-12 col-xs-12 pt-cv-content-item pt-cv-1-col\" ><div class='pt-cv-ifield'><a href=\"https:\/\/www.dmsjuridica.com\/buscador_20179478954\/corteconstitucionalcronologico202454587\/t-961-05\/\" class=\"_self pt-cv-href-thumbnail pt-cv-thumb-default\" target=\"_self\" ><\/a>\n<div class=\"pt-cv-taxoterm above_title\"><a href='https:\/\/www.dmsjuridica.com\/buscador_20179478954\/corteconstitucionalcronologico202454587\/category\/buscar-en-toda-la-corte\/2005\/tutelas-2005\/' title='Tutelas 2005' class='pt-cv-tax-tutelas-2005'>Tutelas 2005<\/a><\/div>\n<h4 class=\"pt-cv-title\"><a href=\"https:\/\/www.dmsjuridica.com\/buscador_20179478954\/corteconstitucionalcronologico202454587\/t-961-05\/\" class=\"_self\" target=\"_self\" >T-961-05<\/a><\/h4>\n<div class=\"pt-cv-content\">\u00a0 \u00a0 Sentencia T-961\/05 \u00a0 DERECHO A LA SALUD DEL NI\u00d1O-Prevalencia\/ACCION DE TUTELA-Hecho superado por atenci\u00f3n m\u00e9dica\u00a0 \u00a0 \u00a0 Referencia: T-1150251 \u00a0 Peticionario: Laila Milene Lambra\u00f1o Torres \u00a0 Accionado: Humanavivir EPS \u00a0 Magistrado Ponente:\u00a0 \u00a0Dr. MARCO GERARDO MONROY CABRA \u00a0 Bogot\u00e1 D. C., quince (15) de septiembre de dos mil cinco (2005) \u00a0 SENTENCIA \u00a0 En la revisi\u00f3n de los fallos proferidos dentro del asunto de la referencia por los juzgados Primero Civil Municipal de Riohacha y Primero Civil del Circuito de Riohacha, el 12 de abril de 2005 y el 19 de mayo de 2005, respectivamente. \u00a0 El expediente ...<br \/><div class=\"pt-cv-rmwrap\"><a href=\"https:\/\/www.dmsjuridica.com\/buscador_20179478954\/corteconstitucionalcronologico202454587\/t-961-05\/\" class=\"_self pt-cv-readmore btn btn-success\" target=\"_self\">Ver Sentencia Completa...<\/a><\/div><\/div><\/div><\/div>\n<div class=\"col-md-12 col-sm-12 col-xs-12 pt-cv-content-item pt-cv-1-col\" ><div class='pt-cv-ifield'><a href=\"https:\/\/www.dmsjuridica.com\/buscador_20179478954\/corteconstitucionalcronologico202454587\/t-960-05\/\" class=\"_self pt-cv-href-thumbnail pt-cv-thumb-default\" target=\"_self\" ><\/a>\n<div class=\"pt-cv-taxoterm above_title\"><a href='https:\/\/www.dmsjuridica.com\/buscador_20179478954\/corteconstitucionalcronologico202454587\/category\/buscar-en-toda-la-corte\/2005\/tutelas-2005\/' title='Tutelas 2005' class='pt-cv-tax-tutelas-2005'>Tutelas 2005<\/a><\/div>\n<h4 class=\"pt-cv-title\"><a href=\"https:\/\/www.dmsjuridica.com\/buscador_20179478954\/corteconstitucionalcronologico202454587\/t-960-05\/\" class=\"_self\" target=\"_self\" >T-960-05<\/a><\/h4>\n<div class=\"pt-cv-content\">\u00a0 \u00a0 Sentencia T-960\/05 \u00a0 ACCION DE TUTELA-Presupuestos procesales\/ACCION DE TUTELA-Improcedencia por existir medio de defensa judicial eficaz \u00a0 PERJUICIO IRREMEDIABLE-Elementos\/PROCESO DISCIPLINARIO O SANCION DISCIPLINARIA-No constituyen perjuicio irremediable \u00a0 El simple hecho de la imposici\u00f3n de una sanci\u00f3n disciplinaria, sin que la misma d\u00e9 lugar a la inhabilidad para ejercer cargos p\u00fablicos, \u00a0no configura un perjuicio irremediable. La Corte considera que el s\u00f3lo hecho de adelantar una investigaci\u00f3n disciplinaria no puede considerarse como la lesi\u00f3n grave de un derecho fundamental, que en s\u00ed misma configure un perjuicio irremediable. \u00a0 ACCION DE TUTELA TRANSITORIA-Improcedencia por no existir perjuicio irremediable \u00a0 En ...<br \/><div class=\"pt-cv-rmwrap\"><a href=\"https:\/\/www.dmsjuridica.com\/buscador_20179478954\/corteconstitucionalcronologico202454587\/t-960-05\/\" class=\"_self pt-cv-readmore btn btn-success\" target=\"_self\">Ver Sentencia Completa...<\/a><\/div><\/div><\/div><\/div>\n<div class=\"col-md-12 col-sm-12 col-xs-12 pt-cv-content-item pt-cv-1-col\" ><div class='pt-cv-ifield'><a href=\"https:\/\/www.dmsjuridica.com\/buscador_20179478954\/corteconstitucionalcronologico202454587\/t-959-05\/\" class=\"_self pt-cv-href-thumbnail pt-cv-thumb-default\" target=\"_self\" ><\/a>\n<div class=\"pt-cv-taxoterm above_title\"><a href='https:\/\/www.dmsjuridica.com\/buscador_20179478954\/corteconstitucionalcronologico202454587\/category\/buscar-en-toda-la-corte\/2005\/tutelas-2005\/' title='Tutelas 2005' class='pt-cv-tax-tutelas-2005'>Tutelas 2005<\/a><\/div>\n<h4 class=\"pt-cv-title\"><a href=\"https:\/\/www.dmsjuridica.com\/buscador_20179478954\/corteconstitucionalcronologico202454587\/t-959-05\/\" class=\"_self\" target=\"_self\" >T-959-05<\/a><\/h4>\n<div class=\"pt-cv-content\">\u00a0 \u00a0 Sentencia T-959\/05 \u00a0 DERECHO A LA SALUD-Eventos en los cuales se exige de manera inmediata \u00a0 El derecho a la salud, no obstante su car\u00e1cter prevalentemente prestacional, es un derecho fundamental pero s\u00f3lo exigible de manera inmediata en tres eventos: En primer lugar, respecto de los m\u00ednimos de atenci\u00f3n y satisfacci\u00f3n obligatorios que derivan de los pactos y tratados internacionales; en segundo lugar, en relaci\u00f3n con los contenidos que han sido establecidos y desarrollados por el ordenamiento, pues en este \u00faltimo caso se supera la etapa de indeterminaci\u00f3n que impide la traducibilidad del derecho a la salud en ...<br \/><div class=\"pt-cv-rmwrap\"><a href=\"https:\/\/www.dmsjuridica.com\/buscador_20179478954\/corteconstitucionalcronologico202454587\/t-959-05\/\" class=\"_self pt-cv-readmore btn btn-success\" target=\"_self\">Ver Sentencia Completa...<\/a><\/div><\/div><\/div><\/div>\n<div class=\"col-md-12 col-sm-12 col-xs-12 pt-cv-content-item pt-cv-1-col\" ><div class='pt-cv-ifield'><a href=\"https:\/\/www.dmsjuridica.com\/buscador_20179478954\/corteconstitucionalcronologico202454587\/t-958-05\/\" class=\"_self pt-cv-href-thumbnail pt-cv-thumb-default\" target=\"_self\" ><\/a>\n<div class=\"pt-cv-taxoterm above_title\"><a href='https:\/\/www.dmsjuridica.com\/buscador_20179478954\/corteconstitucionalcronologico202454587\/category\/buscar-en-toda-la-corte\/2005\/tutelas-2005\/' title='Tutelas 2005' class='pt-cv-tax-tutelas-2005'>Tutelas 2005<\/a><\/div>\n<h4 class=\"pt-cv-title\"><a href=\"https:\/\/www.dmsjuridica.com\/buscador_20179478954\/corteconstitucionalcronologico202454587\/t-958-05\/\" class=\"_self\" target=\"_self\" >T-958-05<\/a><\/h4>\n<div class=\"pt-cv-content\">\u00a0 \u00a0 Sentencia T-958\/05 \u00a0 ACCION DE TUTELA CONTRA PROVIDENCIAS JUDICIALES-Evoluci\u00f3n jurisprudencial\/ACCION DE TUTELA CONTRA PROVIDENCIAS JUDICIALES-Requisitos generales de procedibilidad\/ACCION DE TUTELA CONTRA PROVIDENCIAS JUDICIALES-Requisitos especiales de procedibilidad \u00a0 ACCION DE TUTELA CONTRA PROVIDENCIAS JUDICIALES-Defecto f\u00e1ctico\/ACCION DE TUTELA CONTRA PROVIDENCIAS JUDICIALES-Dimensiones en que se presentan defectos f\u00e1cticos \u00a0 La Corte ha identificado dos dimensiones en las que se presentan defectos f\u00e1cticos: Se trata de una dimensi\u00f3n negativa que ocurre cuando el juez niega o valora la prueba de manera arbitraria, irracional y caprichosa u omite su valoraci\u00f3n y sin raz\u00f3n valedera da por no probado el hecho o la circunstancia ...<br \/><div class=\"pt-cv-rmwrap\"><a href=\"https:\/\/www.dmsjuridica.com\/buscador_20179478954\/corteconstitucionalcronologico202454587\/t-958-05\/\" class=\"_self pt-cv-readmore btn btn-success\" target=\"_self\">Ver Sentencia Completa...<\/a><\/div><\/div><\/div><\/div>\n<div class=\"col-md-12 col-sm-12 col-xs-12 pt-cv-content-item pt-cv-1-col\" ><div class='pt-cv-ifield'><a href=\"https:\/\/www.dmsjuridica.com\/buscador_20179478954\/corteconstitucionalcronologico202454587\/t-957-05\/\" class=\"_self pt-cv-href-thumbnail pt-cv-thumb-default\" target=\"_self\" ><\/a>\n<div class=\"pt-cv-taxoterm above_title\"><a href='https:\/\/www.dmsjuridica.com\/buscador_20179478954\/corteconstitucionalcronologico202454587\/category\/buscar-en-toda-la-corte\/2005\/tutelas-2005\/' title='Tutelas 2005' class='pt-cv-tax-tutelas-2005'>Tutelas 2005<\/a><\/div>\n<h4 class=\"pt-cv-title\"><a href=\"https:\/\/www.dmsjuridica.com\/buscador_20179478954\/corteconstitucionalcronologico202454587\/t-957-05\/\" class=\"_self\" target=\"_self\" >T-957-05<\/a><\/h4>\n<div class=\"pt-cv-content\">\u00a0 \u00a0 Sentencia T-957\/05 \u00a0 PENSION GRACIA-Alcance\/PENSION GRACIA Y PENSION DE JUBILACION-Compatibilidad \u00a0 REVOCATORIA DE ACTO ADMINISTRATIVO DE CARACTER PARTICULAR Y CONCRETO-Alcance\/REVOCATORIA DE ACTO ADMINISTRATIVO DE CARACTER PARTICULAR Y CONCRETO-Consentimiento expreso y escrito del titular\/DEBIDO PROCESO-Conducta arbitraria de Cajanal en la revocatoria de la pensi\u00f3n gracia \u00a0 Referencia: expediente T-1050553 \u00a0 Acci\u00f3n de tutela instaurada por Alicia Noguera Vera contra la Caja Nacional de Previsi\u00f3n Social - CAJANAL. \u00a0 Magistrado Ponente: \u00a0 Dr. HUMBERTO ANTONIO SIERRA PORTO \u00a0 Bogot\u00e1, D. C., quince (15) de septiembre de dos mil cinco (2005). \u00a0 La Sala S\u00e9ptima de Revisi\u00f3n de la Corte Constitucional, ...<br \/><div class=\"pt-cv-rmwrap\"><a href=\"https:\/\/www.dmsjuridica.com\/buscador_20179478954\/corteconstitucionalcronologico202454587\/t-957-05\/\" class=\"_self pt-cv-readmore btn btn-success\" target=\"_self\">Ver Sentencia Completa...<\/a><\/div><\/div><\/div><\/div>\n<div class=\"col-md-12 col-sm-12 col-xs-12 pt-cv-content-item pt-cv-1-col\" ><div class='pt-cv-ifield'><a href=\"https:\/\/www.dmsjuridica.com\/buscador_20179478954\/corteconstitucionalcronologico202454587\/t-956-05\/\" class=\"_self pt-cv-href-thumbnail pt-cv-thumb-default\" target=\"_self\" ><\/a>\n<div class=\"pt-cv-taxoterm above_title\"><a href='https:\/\/www.dmsjuridica.com\/buscador_20179478954\/corteconstitucionalcronologico202454587\/category\/buscar-en-toda-la-corte\/2005\/tutelas-2005\/' title='Tutelas 2005' class='pt-cv-tax-tutelas-2005'>Tutelas 2005<\/a><\/div>\n<h4 class=\"pt-cv-title\"><a href=\"https:\/\/www.dmsjuridica.com\/buscador_20179478954\/corteconstitucionalcronologico202454587\/t-956-05\/\" class=\"_self\" target=\"_self\" >T-956-05<\/a><\/h4>\n<div class=\"pt-cv-content\">\u00a0 \u00a0 Sentencia T-956\/05 \u00a0 DERECHOS FUNDAMENTALES DEL NI\u00d1O-Prevalencia\/DERECHO A LA SEGURIDAD SOCIAL-Acceso de toda la poblaci\u00f3n \u00a0 REGIMEN SUBSIDIADO DE SALUD-Finalidad\/DERECHO A LA SALUD DEL NI\u00d1O-Asignaci\u00f3n de ARS para realizar tratamiento de enfermedad terminal \u00a0 Referencia: expediente T-1152812. \u00a0 Acci\u00f3n de tutela presentada por Edna Mayerly Gonz\u00e1lez Arias. \u00a0 Procedencia: Juzgado Segundo Civil Municipal de Ibagu\u00e9. \u00a0 Magistrado Ponente: \u00a0 Dr. ALFREDO BELTR\u00c1N SIERRA. \u00a0 Bogot\u00e1, quince (15) de septiembre de dos mil cinco (2005). \u00a0 La Sala Segunda (2a.) de Revisi\u00f3n de la Corte Constitucional, integrada por los magistrados, Alfredo Beltr\u00e1n Sierra, Manuel Jos\u00e9 Cepeda Espinosa y Jaime ...<br \/><div class=\"pt-cv-rmwrap\"><a href=\"https:\/\/www.dmsjuridica.com\/buscador_20179478954\/corteconstitucionalcronologico202454587\/t-956-05\/\" class=\"_self pt-cv-readmore btn btn-success\" target=\"_self\">Ver Sentencia Completa...<\/a><\/div><\/div><\/div><\/div>\n<div class=\"col-md-12 col-sm-12 col-xs-12 pt-cv-content-item pt-cv-1-col\" ><div class='pt-cv-ifield'><a href=\"https:\/\/www.dmsjuridica.com\/buscador_20179478954\/corteconstitucionalcronologico202454587\/t-955-05\/\" class=\"_self pt-cv-href-thumbnail pt-cv-thumb-default\" target=\"_self\" ><\/a>\n<div class=\"pt-cv-taxoterm above_title\"><a href='https:\/\/www.dmsjuridica.com\/buscador_20179478954\/corteconstitucionalcronologico202454587\/category\/buscar-en-toda-la-corte\/2005\/tutelas-2005\/' title='Tutelas 2005' class='pt-cv-tax-tutelas-2005'>Tutelas 2005<\/a><\/div>\n<h4 class=\"pt-cv-title\"><a href=\"https:\/\/www.dmsjuridica.com\/buscador_20179478954\/corteconstitucionalcronologico202454587\/t-955-05\/\" class=\"_self\" target=\"_self\" >T-955-05<\/a><\/h4>\n<div class=\"pt-cv-content\">\u00a0 \u00a0 Sentencia T-955\/05 \u00a0 DERECHO A LA SALUD-Fundamental por conexidad\/DERECHO A LA SALUD DE PERSONA DE LA TERCERA EDAD-Prestaci\u00f3n de servicio m\u00e9dico \u00a0 Referencia: expediente T-1157126 \u00a0 Acci\u00f3n de tutela instaurada por el se\u00f1or Pablo Emilio Castro Reyes, contra el Instituto de Seguros Sociales ISS seccional Valledupar y Cl\u00ednica Ana Mar\u00eda de Valledupar. \u00a0 Procedencia: Juzgado Segundo de Familia de Valledupar. \u00a0 Magistrado Ponente: \u00a0 \u00a0Dr. ALFREDO BELTRAN SIERRA \u00a0 Bogot\u00e1 D. C., quince (15) de septiembre de dos mil cinco (2005). \u00a0 SENTENCIA \u00a0 En el proceso de revisi\u00f3n del fallo adoptado por el Juzgado Segundo de Familia ...<br \/><div class=\"pt-cv-rmwrap\"><a href=\"https:\/\/www.dmsjuridica.com\/buscador_20179478954\/corteconstitucionalcronologico202454587\/t-955-05\/\" class=\"_self pt-cv-readmore btn btn-success\" target=\"_self\">Ver Sentencia Completa...<\/a><\/div><\/div><\/div><\/div>\n<div class=\"col-md-12 col-sm-12 col-xs-12 pt-cv-content-item pt-cv-1-col\" ><div class='pt-cv-ifield'><a href=\"https:\/\/www.dmsjuridica.com\/buscador_20179478954\/corteconstitucionalcronologico202454587\/t-954-05\/\" class=\"_self pt-cv-href-thumbnail pt-cv-thumb-default\" target=\"_self\" ><\/a>\n<div class=\"pt-cv-taxoterm above_title\"><a href='https:\/\/www.dmsjuridica.com\/buscador_20179478954\/corteconstitucionalcronologico202454587\/category\/buscar-en-toda-la-corte\/2005\/tutelas-2005\/' title='Tutelas 2005' class='pt-cv-tax-tutelas-2005'>Tutelas 2005<\/a><\/div>\n<h4 class=\"pt-cv-title\"><a href=\"https:\/\/www.dmsjuridica.com\/buscador_20179478954\/corteconstitucionalcronologico202454587\/t-954-05\/\" class=\"_self\" target=\"_self\" >T-954-05<\/a><\/h4>\n<div class=\"pt-cv-content\">\u00a0 \u00a0 Sentencia T-954\/05 \u00a0 ACCION DE TUTELA TRANSITORIA-Existencia de perjuicio irremediable\/PERJUICIO IRREMEDIABLE-Elementos \u00a0 PROCESO DISCIPLINARIO O SANCION DISCIPLINARIA-No constituyen perjuicio irremediable\/MEDIO DE DEFENSA JUDICIAL EFICAZ-Controversias sobre decisiones sancionatorias \u00a0 PRINCIPIO DE TIPICIDAD EN MATERIA DISCIPLINARIA-Alcance\/PROCESO DISCIPLINARIO CONTRA CONCEJALES-No existi\u00f3 vulneraci\u00f3n del debido proceso \u00a0 Referencia: expediente T-1137182 \u00a0 Acci\u00f3n de tutela de Betulia In\u00e9s Ladino Garc\u00eda y otros, contra Procuradur\u00eda Regional de Nari\u00f1o y Procuradur\u00eda Provincial de Pasto.\u00a0 \u00a0 Procedencia: Consejo de Estado Secci\u00f3n Cuarta. \u00a0 Magistrado Ponente: \u00a0 Dr. ALFREDO BELTR\u00c1N SIERRA. \u00a0 Bogot\u00e1, quince (15) de septiembre de dos mil cinco (2005). \u00a0 La Sala Segunda (2\u00aa.) ...<br \/><div class=\"pt-cv-rmwrap\"><a href=\"https:\/\/www.dmsjuridica.com\/buscador_20179478954\/corteconstitucionalcronologico202454587\/t-954-05\/\" class=\"_self pt-cv-readmore btn btn-success\" target=\"_self\">Ver Sentencia Completa...<\/a><\/div><\/div><\/div><\/div>\n<div class=\"col-md-12 col-sm-12 col-xs-12 pt-cv-content-item pt-cv-1-col\" ><div class='pt-cv-ifield'><a href=\"https:\/\/www.dmsjuridica.com\/buscador_20179478954\/corteconstitucionalcronologico202454587\/t-953-05\/\" class=\"_self pt-cv-href-thumbnail pt-cv-thumb-default\" target=\"_self\" ><\/a>\n<div class=\"pt-cv-taxoterm above_title\"><a href='https:\/\/www.dmsjuridica.com\/buscador_20179478954\/corteconstitucionalcronologico202454587\/category\/buscar-en-toda-la-corte\/2005\/tutelas-2005\/' title='Tutelas 2005' class='pt-cv-tax-tutelas-2005'>Tutelas 2005<\/a><\/div>\n<h4 class=\"pt-cv-title\"><a href=\"https:\/\/www.dmsjuridica.com\/buscador_20179478954\/corteconstitucionalcronologico202454587\/t-953-05\/\" class=\"_self\" target=\"_self\" >T-953-05<\/a><\/h4>\n<div class=\"pt-cv-content\">\u00a0 \u00a0 Sentencia T-953\/05 \u00a0 LEGITIMACION POR ACTIVA DEL SINDICATO-Presentaci\u00f3n de tutela \u00a0 ACCION DE TUTELA-Inexistencia de medio de defensa judicial \u00a0 DERECHO DE ASOCIACION SINDICAL-Garant\u00edas de representaci\u00f3n y participaci\u00f3n\u00a0 \u00a0 Los derechos de representaci\u00f3n y de participaci\u00f3n de las organizaciones sindicales son consustanciales a los derechos de asociaci\u00f3n sindical y participaci\u00f3n pol\u00edtica, de manera que su ejercicio integral representa una garant\u00eda para que los trabajadores realmente puedan discutir en distintos foros los asuntos que les ata\u00f1en y para presentar propuestas que sean tenidas en cuenta al momento de adoptar las decisiones correspondientes. \u00a0 EMPLEADOR-Informaci\u00f3n previa a los trabajadores sindicalizados ...<br \/><div class=\"pt-cv-rmwrap\"><a href=\"https:\/\/www.dmsjuridica.com\/buscador_20179478954\/corteconstitucionalcronologico202454587\/t-953-05\/\" class=\"_self pt-cv-readmore btn btn-success\" target=\"_self\">Ver Sentencia Completa...<\/a><\/div><\/div><\/div><\/div>\n<div class=\"col-md-12 col-sm-12 col-xs-12 pt-cv-content-item pt-cv-1-col\" ><div class='pt-cv-ifield'><a href=\"https:\/\/www.dmsjuridica.com\/buscador_20179478954\/corteconstitucionalcronologico202454587\/t-952-05\/\" class=\"_self pt-cv-href-thumbnail pt-cv-thumb-default\" target=\"_self\" ><\/a>\n<div class=\"pt-cv-taxoterm above_title\"><a href='https:\/\/www.dmsjuridica.com\/buscador_20179478954\/corteconstitucionalcronologico202454587\/category\/buscar-en-toda-la-corte\/2005\/tutelas-2005\/' title='Tutelas 2005' class='pt-cv-tax-tutelas-2005'>Tutelas 2005<\/a><\/div>\n<h4 class=\"pt-cv-title\"><a href=\"https:\/\/www.dmsjuridica.com\/buscador_20179478954\/corteconstitucionalcronologico202454587\/t-952-05\/\" class=\"_self\" target=\"_self\" >T-952-05<\/a><\/h4>\n<div class=\"pt-cv-content\">\u00a0 \u00a0 Sentencia T-952\/05 \u00a0 DERECHO A LA SALUD-Condiciones para realizaci\u00f3n de tratamiento excluido del POS\/DERECHO A LA SALUD DE PERSONA DE LA TERCERA EDAD-Prestaci\u00f3n de servicio m\u00e9dico \u00a0 Reiteraci\u00f3n de Jurisprudencia \u00a0 Referencia: expediente T-1157228 \u00a0 Acci\u00f3n de tutela instaurada por Pedro Antonio Giraldo Montoya, en representaci\u00f3n de su esposa Mar\u00eda Alicia Manrique Orozco, contra la Direcci\u00f3n Seccional de Salud de Antioquia1.\u00a0 \u00a0 Magistrado Ponente \u00a0 Dr. MANUEL JOS\u00c9 CEPEDA ESPINOSA \u00a0 Bogot\u00e1 D. C., nueve (9) de septiembre de dos mil cinco (2005). \u00a0 Teniendo en cuenta que el problema jur\u00eddico que suscita la presente acci\u00f3n de tutela ...<br \/><div class=\"pt-cv-rmwrap\"><a href=\"https:\/\/www.dmsjuridica.com\/buscador_20179478954\/corteconstitucionalcronologico202454587\/t-952-05\/\" class=\"_self pt-cv-readmore btn btn-success\" target=\"_self\">Ver Sentencia Completa...<\/a><\/div><\/div><\/div><\/div>\n<div class=\"col-md-12 col-sm-12 col-xs-12 pt-cv-content-item pt-cv-1-col\" ><div class='pt-cv-ifield'><a href=\"https:\/\/www.dmsjuridica.com\/buscador_20179478954\/corteconstitucionalcronologico202454587\/t-951-05\/\" class=\"_self pt-cv-href-thumbnail pt-cv-thumb-default\" target=\"_self\" ><\/a>\n<div class=\"pt-cv-taxoterm above_title\"><a href='https:\/\/www.dmsjuridica.com\/buscador_20179478954\/corteconstitucionalcronologico202454587\/category\/buscar-en-toda-la-corte\/2005\/tutelas-2005\/' title='Tutelas 2005' class='pt-cv-tax-tutelas-2005'>Tutelas 2005<\/a><\/div>\n<h4 class=\"pt-cv-title\"><a href=\"https:\/\/www.dmsjuridica.com\/buscador_20179478954\/corteconstitucionalcronologico202454587\/t-951-05\/\" class=\"_self\" target=\"_self\" >T-951-05<\/a><\/h4>\n<div class=\"pt-cv-content\">\u00a0 \u00a0 Sentencia T-951\/05 \u00a0 ACCION DE TUTELA CONTRA PROVIDENCIAS JUDICIALES-Exigencia de la subsidiariedad\/ACCION DE TUTELA CONTRA PROVIDENCIAS JUDICIALES-Causales gen\u00e9ricas de procedibilidad \u00a0 ACCION DE TUTELA-Inmediatez\/ACCION DE TUTELA-T\u00e9rmino razonable de presentaci\u00f3n\/ACCION DE TUTELA-Improcedencia frente a prestaciones econ\u00f3micas \u00a0 La acci\u00f3n de tutela ha sido consagrada constitucionalmente y desarrollada legalmente, como un mecanismo que tiene como fin la protecci\u00f3n de derechos fundamentales vulnerados o amenazados y no para solucionar aspectos de otra \u00edndole como los de origen econ\u00f3mico, salvo aquellos casos, en los que del cumplimiento de esa obligaci\u00f3n, depende la salvaguarda directa de un derecho de car\u00e1cter fundamental. Por fuera ...<br \/><div class=\"pt-cv-rmwrap\"><a href=\"https:\/\/www.dmsjuridica.com\/buscador_20179478954\/corteconstitucionalcronologico202454587\/t-951-05\/\" class=\"_self pt-cv-readmore btn btn-success\" target=\"_self\">Ver Sentencia Completa...<\/a><\/div><\/div><\/div><\/div>\n<div class=\"col-md-12 col-sm-12 col-xs-12 pt-cv-content-item pt-cv-1-col\" ><div class='pt-cv-ifield'><a href=\"https:\/\/www.dmsjuridica.com\/buscador_20179478954\/corteconstitucionalcronologico202454587\/t-950-05\/\" class=\"_self pt-cv-href-thumbnail pt-cv-thumb-default\" target=\"_self\" ><\/a>\n<div class=\"pt-cv-taxoterm above_title\"><a href='https:\/\/www.dmsjuridica.com\/buscador_20179478954\/corteconstitucionalcronologico202454587\/category\/buscar-en-toda-la-corte\/2005\/tutelas-2005\/' title='Tutelas 2005' class='pt-cv-tax-tutelas-2005'>Tutelas 2005<\/a><\/div>\n<h4 class=\"pt-cv-title\"><a href=\"https:\/\/www.dmsjuridica.com\/buscador_20179478954\/corteconstitucionalcronologico202454587\/t-950-05\/\" class=\"_self\" target=\"_self\" >T-950-05<\/a><\/h4>\n<div class=\"pt-cv-content\">\u00a0 \u00a0 Sentencia T-950\/05 \u00a0 DERECHOS FUNDAMENTALES DEL NI\u00d1O-Prevalencia\/LEGITIMACION POR ACTIVA EN TUTELA-Cualquier persona puede exigir el cumplimiento de los derechos de los ni\u00f1os\/LEGITIMACION POR ACTIVA EN TUTELA-Abuela en representaci\u00f3n de nieto\/INTERES SUPERIOR DEL MENOR-Alcance \u00a0 REGIMEN DE SEGURIDAD SOCIAL EN SALUD-Afiliados a r\u00e9gimen contributivo o subsidiado y participantes vinculados \u00a0 CONSEJO NACIONAL DE SEGURIDAD SOCIAL EN SALUD-Instrucci\u00f3n a las EPS y ARS para garantizar la atenci\u00f3n integral de reci\u00e9n nacidos\/ENTIDAD PRESTADORA DE SALUD-Atenci\u00f3n m\u00e9dica a reci\u00e9n nacidos hijos de afiliadas\/DERECHO A LA SALUD-Atenci\u00f3n a ni\u00f1o menor de un a\u00f1o por EPS \u00a0 Referencia: expediente T-1123881 \u00a0 Acci\u00f3n de tutela ...<br \/><div class=\"pt-cv-rmwrap\"><a href=\"https:\/\/www.dmsjuridica.com\/buscador_20179478954\/corteconstitucionalcronologico202454587\/t-950-05\/\" class=\"_self pt-cv-readmore btn btn-success\" target=\"_self\">Ver Sentencia Completa...<\/a><\/div><\/div><\/div><\/div>\n<div class=\"col-md-12 col-sm-12 col-xs-12 pt-cv-content-item pt-cv-1-col\" ><div class='pt-cv-ifield'><a href=\"https:\/\/www.dmsjuridica.com\/buscador_20179478954\/corteconstitucionalcronologico202454587\/t-949-05\/\" class=\"_self pt-cv-href-thumbnail pt-cv-thumb-default\" target=\"_self\" ><\/a>\n<div class=\"pt-cv-taxoterm above_title\"><a href='https:\/\/www.dmsjuridica.com\/buscador_20179478954\/corteconstitucionalcronologico202454587\/category\/buscar-en-toda-la-corte\/2005\/tutelas-2005\/' title='Tutelas 2005' class='pt-cv-tax-tutelas-2005'>Tutelas 2005<\/a><\/div>\n<h4 class=\"pt-cv-title\"><a href=\"https:\/\/www.dmsjuridica.com\/buscador_20179478954\/corteconstitucionalcronologico202454587\/t-949-05\/\" class=\"_self\" target=\"_self\" >T-949-05<\/a><\/h4>\n<div class=\"pt-cv-content\">\u00a0 \u00a0 Sentencia T-949\/05 \u00a0 DERECHO A LA SALUD-Condiciones para realizaci\u00f3n de tratamiento excluido del POS\/DERECHO A LA SALUD DEL NI\u00d1O-Fundamental\/DERECHO A LA SALUD DEL NI\u00d1O-Suministro de medicamento prescrito por m\u00e9dico tratante \u00a0 Referencia: expediente T-1152707 \u00a0 Acci\u00f3n de tutela instaurada por Leticia Mar\u00eda Medina Vergara, en representaci\u00f3n de su menor hija Mayra Alejandra Ruiz Medina contra E.P.S. Sanitas S.A. \u2013 Seccional Cartagena\u00a0 \u00a0 Magistrado Ponente: \u00a0 Dr. JAIME ARA\u00daJO RENTER\u00cdA \u00a0 Bogot\u00e1, D. C., nueve ( 9 ) de septiembre de dos mil cinco (2005). \u00a0 La Sala Primera de Revisi\u00f3n de la Corte Constitucional, integrada por los Magistrados ...<br \/><div class=\"pt-cv-rmwrap\"><a href=\"https:\/\/www.dmsjuridica.com\/buscador_20179478954\/corteconstitucionalcronologico202454587\/t-949-05\/\" class=\"_self pt-cv-readmore btn btn-success\" target=\"_self\">Ver Sentencia Completa...<\/a><\/div><\/div><\/div><\/div>\n<div class=\"col-md-12 col-sm-12 col-xs-12 pt-cv-content-item pt-cv-1-col\" ><div class='pt-cv-ifield'><a href=\"https:\/\/www.dmsjuridica.com\/buscador_20179478954\/corteconstitucionalcronologico202454587\/t-948-05\/\" class=\"_self pt-cv-href-thumbnail pt-cv-thumb-default\" target=\"_self\" ><\/a>\n<div class=\"pt-cv-taxoterm above_title\"><a href='https:\/\/www.dmsjuridica.com\/buscador_20179478954\/corteconstitucionalcronologico202454587\/category\/buscar-en-toda-la-corte\/2005\/tutelas-2005\/' title='Tutelas 2005' class='pt-cv-tax-tutelas-2005'>Tutelas 2005<\/a><\/div>\n<h4 class=\"pt-cv-title\"><a href=\"https:\/\/www.dmsjuridica.com\/buscador_20179478954\/corteconstitucionalcronologico202454587\/t-948-05\/\" class=\"_self\" target=\"_self\" >T-948-05<\/a><\/h4>\n<div class=\"pt-cv-content\">\u00a0 \u00a0 Sentencia T-948\/05 \u00a0 ACCION DE TUTELA CONTRA PARTICULARES-Subordinaci\u00f3n \u00a0 ACCION DE TUTELA-Procedencia excepcional para pago de salarios por vulneraci\u00f3n del m\u00ednimo vital \u00a0 EMPLEADOR-Traslado de aportes de seguridad social\/EMPLEADOR-Asunci\u00f3n de responsabilidad por mora en aportes a seguridad social \u00a0 ACUERDOS DE REESTRUCTURACION EMPRESARIAL-Prevalencia del pago de salarios \u00a0 Reiteraci\u00f3n de jurisprudencia \u00a0 Referencia: expediente T-1140776 \u00a0 Acci\u00f3n de tutela instaurada por Fabio Rojas Loaiza, contra la empresa Industrias Colibr\u00ed S.A.\u00a0 \u00a0 Magistrado Ponente: \u00a0 Dr. JAIME ARAUJO RENTER\u00cdA\u00a0 \u00a0 Bogot\u00e1, D. C., \u00a0nueve ( 9 ) de septiembre de dos mil cinco (2005). \u00a0 La Sala Primera de ...<br \/><div class=\"pt-cv-rmwrap\"><a href=\"https:\/\/www.dmsjuridica.com\/buscador_20179478954\/corteconstitucionalcronologico202454587\/t-948-05\/\" class=\"_self pt-cv-readmore btn btn-success\" target=\"_self\">Ver Sentencia Completa...<\/a><\/div><\/div><\/div><\/div>\n<div class=\"col-md-12 col-sm-12 col-xs-12 pt-cv-content-item pt-cv-1-col\" ><div class='pt-cv-ifield'><a href=\"https:\/\/www.dmsjuridica.com\/buscador_20179478954\/corteconstitucionalcronologico202454587\/t-947-05\/\" class=\"_self pt-cv-href-thumbnail pt-cv-thumb-default\" target=\"_self\" ><\/a>\n<div class=\"pt-cv-taxoterm above_title\"><a href='https:\/\/www.dmsjuridica.com\/buscador_20179478954\/corteconstitucionalcronologico202454587\/category\/buscar-en-toda-la-corte\/2005\/tutelas-2005\/' title='Tutelas 2005' class='pt-cv-tax-tutelas-2005'>Tutelas 2005<\/a><\/div>\n<h4 class=\"pt-cv-title\"><a href=\"https:\/\/www.dmsjuridica.com\/buscador_20179478954\/corteconstitucionalcronologico202454587\/t-947-05\/\" class=\"_self\" target=\"_self\" >T-947-05<\/a><\/h4>\n<div class=\"pt-cv-content\">\u00a0 \u00a0 Sentencia T-947\/05 \u00a0 LICENCIA DE MATERNIDAD-Modalidad que garantiza la protecci\u00f3n especial constitucional a la mujer embarazada y al menor reci\u00e9n nacido \u00a0 MUJER EMBARAZADA-Protecci\u00f3n en disposiciones de derecho internacional \u00a0 LICENCIA DE MATERNIDAD-Regulada por el Sistema General de Seguridad en Salud a trav\u00e9s de las EPS\u00a0 \u00a0 LICENCIA DE MATERNIDAD-Eventos en los que el pago est\u00e1 a cargo del empleador \u00a0 LICENCIA DE MATERNIDAD-Requisitos para el pago \u00a0 LICENCIA DE MATERNIDAD-Fundamental por conexidad con el m\u00ednimo vital y a vida digna de la madre y del hijo\u00a0 \u00a0 La Corte ha establecido que la licencia de maternidad es ...<br \/><div class=\"pt-cv-rmwrap\"><a href=\"https:\/\/www.dmsjuridica.com\/buscador_20179478954\/corteconstitucionalcronologico202454587\/t-947-05\/\" class=\"_self pt-cv-readmore btn btn-success\" target=\"_self\">Ver Sentencia Completa...<\/a><\/div><\/div><\/div><\/div>\n<div class=\"col-md-12 col-sm-12 col-xs-12 pt-cv-content-item pt-cv-1-col\" ><div class='pt-cv-ifield'><a href=\"https:\/\/www.dmsjuridica.com\/buscador_20179478954\/corteconstitucionalcronologico202454587\/t-946-05\/\" class=\"_self pt-cv-href-thumbnail pt-cv-thumb-default\" target=\"_self\" ><\/a>\n<div class=\"pt-cv-taxoterm above_title\"><a href='https:\/\/www.dmsjuridica.com\/buscador_20179478954\/corteconstitucionalcronologico202454587\/category\/buscar-en-toda-la-corte\/2005\/tutelas-2005\/' title='Tutelas 2005' class='pt-cv-tax-tutelas-2005'>Tutelas 2005<\/a><\/div>\n<h4 class=\"pt-cv-title\"><a href=\"https:\/\/www.dmsjuridica.com\/buscador_20179478954\/corteconstitucionalcronologico202454587\/t-946-05\/\" class=\"_self\" target=\"_self\" >T-946-05<\/a><\/h4>\n<div class=\"pt-cv-content\">\u00a0 \u00a0 Sentencia T-946\/05 \u00a0 SISTEMA GENERAL DE SALUD-Pagos compartidos y cuotas moderadoras\/DERECHO A LA SALUD-Incapacidad econ\u00f3mica para pago de cuota moderadora no es \u00f3bice para recibir tratamiento m\u00e9dico \u00a0 Referencia: expediente T-1134885 \u00a0 Acci\u00f3n de tutela instaurada por Heliodora Jenny Gonz\u00e1lez Navas contra la Saludcoop E.P.S. \u00a0 Magistrado Ponente: \u00a0 Dr. JAIME ARA\u00daJO RENTER\u00cdA\u00a0 \u00a0 Bogot\u00e1, D. C., nueve ( 9 ) de septiembre de dos mil cinco (2005). \u00a0 La Sala Primera de Revisi\u00f3n de la Corte Constitucional, conformada por los magistrados ALFREDO BELTR\u00c1N SIERRA, MANUEL JOS\u00c9 CEPEDA ESPINOSA y JAIME ARA\u00daJO RENTER\u00cdA, procede a dictar la siguiente ...<br \/><div class=\"pt-cv-rmwrap\"><a href=\"https:\/\/www.dmsjuridica.com\/buscador_20179478954\/corteconstitucionalcronologico202454587\/t-946-05\/\" class=\"_self pt-cv-readmore btn btn-success\" target=\"_self\">Ver Sentencia Completa...<\/a><\/div><\/div><\/div><\/div>\n<div class=\"col-md-12 col-sm-12 col-xs-12 pt-cv-content-item pt-cv-1-col\" ><div class='pt-cv-ifield'><a href=\"https:\/\/www.dmsjuridica.com\/buscador_20179478954\/corteconstitucionalcronologico202454587\/t-945-05\/\" class=\"_self pt-cv-href-thumbnail pt-cv-thumb-default\" target=\"_self\" ><\/a>\n<div class=\"pt-cv-taxoterm above_title\"><a href='https:\/\/www.dmsjuridica.com\/buscador_20179478954\/corteconstitucionalcronologico202454587\/category\/buscar-en-toda-la-corte\/2005\/tutelas-2005\/' title='Tutelas 2005' class='pt-cv-tax-tutelas-2005'>Tutelas 2005<\/a><\/div>\n<h4 class=\"pt-cv-title\"><a href=\"https:\/\/www.dmsjuridica.com\/buscador_20179478954\/corteconstitucionalcronologico202454587\/t-945-05\/\" class=\"_self\" target=\"_self\" >T-945-05<\/a><\/h4>\n<div class=\"pt-cv-content\">\u00a0 \u00a0 Sentencia T-945\/05 \u00a0 DERECHO A LA SALUD DEL NI\u00d1O-Fundamental\/SISTEMA GENERAL DE SEGURIDAD SOCIAL EN SALUD-Deber de atenci\u00f3n a personas vinculadas\/REGIMEN DE SEGURIDAD SOCIAL EN SALUD-Responsabilidad de las entidades territoriales \u00a0 SERVICIO PUBLICO DE SALUD-Continuidad\/DERECHO A LA SALUD DEL MENOR-Continuidad de tratamiento m\u00e9dico \u00a0 Referencia: expediente T-1119113 \u00a0 Acci\u00f3n de tutela instaurada por Gladis Blanco Maldonado, en representaci\u00f3n de su menor hija Mar\u00eda Lizeth C\u00e1ceres Blanco \u00a0contra el Hospital Universitario de Baranquilla E.S.E.\u00a0 \u00a0 Magistrado Ponente: \u00a0 Dr. JAIME ARA\u00daJO RENTER\u00cdA \u00a0 Bogot\u00e1, D. C., nueve ( 9 ) de septiembre de dos mil cinco (2005). \u00a0 La Sala ...<br \/><div class=\"pt-cv-rmwrap\"><a href=\"https:\/\/www.dmsjuridica.com\/buscador_20179478954\/corteconstitucionalcronologico202454587\/t-945-05\/\" class=\"_self pt-cv-readmore btn btn-success\" target=\"_self\">Ver Sentencia Completa...<\/a><\/div><\/div><\/div><\/div>\n<div class=\"col-md-12 col-sm-12 col-xs-12 pt-cv-content-item pt-cv-1-col\" ><div class='pt-cv-ifield'><a href=\"https:\/\/www.dmsjuridica.com\/buscador_20179478954\/corteconstitucionalcronologico202454587\/t-944-05\/\" class=\"_self pt-cv-href-thumbnail pt-cv-thumb-default\" target=\"_self\" ><\/a>\n<div class=\"pt-cv-taxoterm above_title\"><a href='https:\/\/www.dmsjuridica.com\/buscador_20179478954\/corteconstitucionalcronologico202454587\/category\/buscar-en-toda-la-corte\/2005\/tutelas-2005\/' title='Tutelas 2005' class='pt-cv-tax-tutelas-2005'>Tutelas 2005<\/a><\/div>\n<h4 class=\"pt-cv-title\"><a href=\"https:\/\/www.dmsjuridica.com\/buscador_20179478954\/corteconstitucionalcronologico202454587\/t-944-05\/\" class=\"_self\" target=\"_self\" >T-944-05<\/a><\/h4>\n<div class=\"pt-cv-content\">\u00a0 \u00a0 Sentencia T-944\/05 \u00a0 ACCION DE TUTELA CONTRA SENTENCIA DE TUTELA-Prohibici\u00f3n\/ACCION DE TUTELA CONTRA INCIDENTE DE DESACATO-Debe limitarse a la conducta del juez \u00a0 El estudio de una acci\u00f3n de tutela interpuesta contra un incidente de desacato deber\u00e1 limitarse, en todo caso, a la conducta desplegada por el juez durante el incidente mismo, sin consideraci\u00f3n alguna del fallo que le sirve de trasfondo. Lo contrario ser\u00eda revivir un asunto debatido que hizo tr\u00e1nsito a cosa juzgada. \u00a0 CONTRATO DE CONCESION-Al momento de la celebraci\u00f3n no exist\u00eda sentencia en firme \u00a0 Referencia: expediente T-1103259 \u00a0 Acci\u00f3n de tutela instaurada por ...<br \/><div class=\"pt-cv-rmwrap\"><a href=\"https:\/\/www.dmsjuridica.com\/buscador_20179478954\/corteconstitucionalcronologico202454587\/t-944-05\/\" class=\"_self pt-cv-readmore btn btn-success\" target=\"_self\">Ver Sentencia Completa...<\/a><\/div><\/div><\/div><\/div>\n<div class=\"col-md-12 col-sm-12 col-xs-12 pt-cv-content-item pt-cv-1-col\" ><div class='pt-cv-ifield'><a href=\"https:\/\/www.dmsjuridica.com\/buscador_20179478954\/corteconstitucionalcronologico202454587\/t-943-05\/\" class=\"_self pt-cv-href-thumbnail pt-cv-thumb-default\" target=\"_self\" ><\/a>\n<div class=\"pt-cv-taxoterm above_title\"><a href='https:\/\/www.dmsjuridica.com\/buscador_20179478954\/corteconstitucionalcronologico202454587\/category\/buscar-en-toda-la-corte\/2005\/tutelas-2005\/' title='Tutelas 2005' class='pt-cv-tax-tutelas-2005'>Tutelas 2005<\/a><\/div>\n<h4 class=\"pt-cv-title\"><a href=\"https:\/\/www.dmsjuridica.com\/buscador_20179478954\/corteconstitucionalcronologico202454587\/t-943-05\/\" class=\"_self\" target=\"_self\" >T-943-05<\/a><\/h4>\n<div class=\"pt-cv-content\">\u00a0 \u00a0 Sentencia T-943\/05 \u00a0 CREDITO PARA VIVIENDA A LARGO PLAZO-No se aplican normas que rigen contrato de mutuo por estar intervenido\u00a0 \u00a0 Normas que ordinariamente rigen el contrato de mutuo entre particulares no son aplicables trat\u00e1ndose de aquellos cr\u00e9ditos hipotecarios de vivienda a largo plazo, por encontrase intervenidos por el Estado a fin de facilitar a las personas el acceso a la vivienda digna, y por lo tanto, para \u00e9stos, no rige de manera absoluta el principio de la autonom\u00eda de la voluntad.\u00a0 \u00a0 DERECHOS FUNDAMENTALES-Su fundamentalidad no depende de la ubicaci\u00f3n en el texto constitucional\u00a0 \u00a0 DERECHO A ...<br \/><div class=\"pt-cv-rmwrap\"><a href=\"https:\/\/www.dmsjuridica.com\/buscador_20179478954\/corteconstitucionalcronologico202454587\/t-943-05\/\" class=\"_self pt-cv-readmore btn btn-success\" target=\"_self\">Ver Sentencia Completa...<\/a><\/div><\/div><\/div><\/div>\n<div class=\"col-md-12 col-sm-12 col-xs-12 pt-cv-content-item pt-cv-1-col\" ><div class='pt-cv-ifield'><a href=\"https:\/\/www.dmsjuridica.com\/buscador_20179478954\/corteconstitucionalcronologico202454587\/t-942-05\/\" class=\"_self pt-cv-href-thumbnail pt-cv-thumb-default\" target=\"_self\" ><\/a>\n<div class=\"pt-cv-taxoterm above_title\"><a href='https:\/\/www.dmsjuridica.com\/buscador_20179478954\/corteconstitucionalcronologico202454587\/category\/buscar-en-toda-la-corte\/2005\/tutelas-2005\/' title='Tutelas 2005' class='pt-cv-tax-tutelas-2005'>Tutelas 2005<\/a><\/div>\n<h4 class=\"pt-cv-title\"><a href=\"https:\/\/www.dmsjuridica.com\/buscador_20179478954\/corteconstitucionalcronologico202454587\/t-942-05\/\" class=\"_self\" target=\"_self\" >T-942-05<\/a><\/h4>\n<div class=\"pt-cv-content\">\u00a0 \u00a0 Sentencia T-942\/05 \u00a0 CONCILIACION-Naturaleza y caracter\u00edsticas\/CONCILIACION-Efectos de cosa juzgada. \u00a0 ACCION DE TUTELA-Improcedencia por existir medio de defensa judicial eficaz\/ACCION DE TUTELA-Improcedencia por cuanto las actas de conciliaci\u00f3n laboral tienen efecto de cosa juzgada \u00a0 SUSPENSION DE PENSION ESPECIAL, VOLUNTARIA Y ESPECIAL-Conducta leg\u00edtima de Bancaf\u00e9 \u00a0 No resulta razonable endilgar a Bancaf\u00e9 S.A. la supuesta vulneraci\u00f3n de los derechos del actor, cuando la suspensi\u00f3n del pago de la pensi\u00f3n especial y temporal obedeci\u00f3 a una conducta leg\u00edtima del banco, esto es, darle efectivo cumplimiento a lo pactado en el acta de conciliaci\u00f3n. Adem\u00e1s, ser\u00eda injusto obligar al ente ...<br \/><div class=\"pt-cv-rmwrap\"><a href=\"https:\/\/www.dmsjuridica.com\/buscador_20179478954\/corteconstitucionalcronologico202454587\/t-942-05\/\" class=\"_self pt-cv-readmore btn btn-success\" target=\"_self\">Ver Sentencia Completa...<\/a><\/div><\/div><\/div><\/div>\n<div class=\"col-md-12 col-sm-12 col-xs-12 pt-cv-content-item pt-cv-1-col\" ><div class='pt-cv-ifield'><a href=\"https:\/\/www.dmsjuridica.com\/buscador_20179478954\/corteconstitucionalcronologico202454587\/t-941-05\/\" class=\"_self pt-cv-href-thumbnail pt-cv-thumb-default\" target=\"_self\" ><\/a>\n<div class=\"pt-cv-taxoterm above_title\"><a href='https:\/\/www.dmsjuridica.com\/buscador_20179478954\/corteconstitucionalcronologico202454587\/category\/buscar-en-toda-la-corte\/2005\/tutelas-2005\/' title='Tutelas 2005' class='pt-cv-tax-tutelas-2005'>Tutelas 2005<\/a><\/div>\n<h4 class=\"pt-cv-title\"><a href=\"https:\/\/www.dmsjuridica.com\/buscador_20179478954\/corteconstitucionalcronologico202454587\/t-941-05\/\" class=\"_self\" target=\"_self\" >T-941-05<\/a><\/h4>\n<div class=\"pt-cv-content\">\u00a0 \u00a0 Sentencia T-941\/05 \u00a0 AGENCIA OFICIOSA EN TUTELA-Requisitos \u00a0 PERSONA EN CIRCUNSTANCIAS DE DEBILIDAD MANIFIESTA-Protecci\u00f3n\/PERSONA EN CIRCUNSTANCIAS DE DEBILIDAD MANIFIESTA-Trato desigual m\u00e1s favorable \u00a0 Las personas discapacitadas tienen derecho a que el Estado les procure un trato desigual m\u00e1s favorable, siempre que ello resulte necesario para el ejercicio pleno de sus derechos. La omisi\u00f3n de este deber, por parte del Estado, puede convertirse en una lesi\u00f3n de sus derechos fundamentales. \u00a0 PENSION DE SOBREVIVIENTES-Naturaleza jur\u00eddica\/PENSION DE SOBREVIVIENTES-Finalidad esencial\/PENSION DE SOBREVIVIENTES-Car\u00e1cter fundamental \u00a0 DERECHO A LA PENSION DE SOBREVIVIENTES-Beneficiarios del pensionado\/DERECHO A LA PENSION DE SOBREVIVIENTES-Requisitos que deben acreditar los ...<br \/><div class=\"pt-cv-rmwrap\"><a href=\"https:\/\/www.dmsjuridica.com\/buscador_20179478954\/corteconstitucionalcronologico202454587\/t-941-05\/\" class=\"_self pt-cv-readmore btn btn-success\" target=\"_self\">Ver Sentencia Completa...<\/a><\/div><\/div><\/div><\/div>\n<div class=\"col-md-12 col-sm-12 col-xs-12 pt-cv-content-item pt-cv-1-col\" ><div class='pt-cv-ifield'><a href=\"https:\/\/www.dmsjuridica.com\/buscador_20179478954\/corteconstitucionalcronologico202454587\/t-940-05\/\" class=\"_self pt-cv-href-thumbnail pt-cv-thumb-default\" target=\"_self\" ><\/a>\n<div class=\"pt-cv-taxoterm above_title\"><a href='https:\/\/www.dmsjuridica.com\/buscador_20179478954\/corteconstitucionalcronologico202454587\/category\/buscar-en-toda-la-corte\/2005\/tutelas-2005\/' title='Tutelas 2005' class='pt-cv-tax-tutelas-2005'>Tutelas 2005<\/a><\/div>\n<h4 class=\"pt-cv-title\"><a href=\"https:\/\/www.dmsjuridica.com\/buscador_20179478954\/corteconstitucionalcronologico202454587\/t-940-05\/\" class=\"_self\" target=\"_self\" >T-940-05<\/a><\/h4>\n<div class=\"pt-cv-content\">\u00a0 \u00a0 Sentencia T-940\/05 \u00a0 DERECHO A LA SALUD-Fundamental por conexidad\/REGIMEN DE SEGURIDAD SOCIAL EN SALUD-Participaci\u00f3n de todos los colombianos\/REGIMEN DE SEGURIDAD SOCIAL EN SALUD-Afiliados a r\u00e9gimen contributivo o subsidiado y participantes vinculados \u00a0 REGIMEN DE SEGURIDAD SOCIAL EN SALUD-Responsabilidad de las entidades territoriales.\u00a0 \u00a0 La asignaci\u00f3n de competencias de las entidades territoriales est\u00e1 acorde con las distintas instancias del proceso de cobertura en salud de la poblaci\u00f3n pobre del pa\u00eds a las que se hizo referencia anteriormente. En tal sentido, los municipios est\u00e1n encargados de identificar a los habitantes menos favorecidos de su jurisdicci\u00f3n, a fin de inscribirlos en ...<br \/><div class=\"pt-cv-rmwrap\"><a href=\"https:\/\/www.dmsjuridica.com\/buscador_20179478954\/corteconstitucionalcronologico202454587\/t-940-05\/\" class=\"_self pt-cv-readmore btn btn-success\" target=\"_self\">Ver Sentencia Completa...<\/a><\/div><\/div><\/div><\/div>\n<div class=\"col-md-12 col-sm-12 col-xs-12 pt-cv-content-item pt-cv-1-col\" ><div class='pt-cv-ifield'><a href=\"https:\/\/www.dmsjuridica.com\/buscador_20179478954\/corteconstitucionalcronologico202454587\/t-939-05\/\" class=\"_self pt-cv-href-thumbnail pt-cv-thumb-default\" target=\"_self\" ><\/a>\n<div class=\"pt-cv-taxoterm above_title\"><a href='https:\/\/www.dmsjuridica.com\/buscador_20179478954\/corteconstitucionalcronologico202454587\/category\/buscar-en-toda-la-corte\/2005\/tutelas-2005\/' title='Tutelas 2005' class='pt-cv-tax-tutelas-2005'>Tutelas 2005<\/a><\/div>\n<h4 class=\"pt-cv-title\"><a href=\"https:\/\/www.dmsjuridica.com\/buscador_20179478954\/corteconstitucionalcronologico202454587\/t-939-05\/\" class=\"_self\" target=\"_self\" >T-939-05<\/a><\/h4>\n<div class=\"pt-cv-content\">\u00a0 \u00a0 Sentencia T-939\/05 \u00a0 ACCION DE TUTELA CONTRA PROVIDENCIAS JUDICIALES-Causales gen\u00e9ricas de procedibilidad \u00a0 FALLO DE TUTELA-Cumplimiento inmediato \u00a0 CUMPLIMIENTO FALLO DE TUTELA E INCIDENTE DE DESACATO-Diferencias \u00a0 FALLO DE TUTELA-Facultades para hacerlo cumplir \u00a0 El marco reglamentario de la acci\u00f3n de tutela consagra entonces, un conjunto de facultades y \u2013tambi\u00e9n- el punto cardinal conforme al cual podemos derivar un conducto regular desde donde el juez podr\u00e1 determinar si es necesario, como \u00faltima ratio, el inicio del incidente de desacato. \u00a0Por supuesto, conforme a lo anterior encontramos que dentro de la obligaciones del juez de primera instancia se encuentra, ...<br \/><div class=\"pt-cv-rmwrap\"><a href=\"https:\/\/www.dmsjuridica.com\/buscador_20179478954\/corteconstitucionalcronologico202454587\/t-939-05\/\" class=\"_self pt-cv-readmore btn btn-success\" target=\"_self\">Ver Sentencia Completa...<\/a><\/div><\/div><\/div><\/div>\n<div class=\"col-md-12 col-sm-12 col-xs-12 pt-cv-content-item pt-cv-1-col\" ><div class='pt-cv-ifield'><a href=\"https:\/\/www.dmsjuridica.com\/buscador_20179478954\/corteconstitucionalcronologico202454587\/t-938-05\/\" class=\"_self pt-cv-href-thumbnail pt-cv-thumb-default\" target=\"_self\" ><\/a>\n<div class=\"pt-cv-taxoterm above_title\"><a href='https:\/\/www.dmsjuridica.com\/buscador_20179478954\/corteconstitucionalcronologico202454587\/category\/buscar-en-toda-la-corte\/2005\/tutelas-2005\/' title='Tutelas 2005' class='pt-cv-tax-tutelas-2005'>Tutelas 2005<\/a><\/div>\n<h4 class=\"pt-cv-title\"><a href=\"https:\/\/www.dmsjuridica.com\/buscador_20179478954\/corteconstitucionalcronologico202454587\/t-938-05\/\" class=\"_self\" target=\"_self\" >T-938-05<\/a><\/h4>\n<div class=\"pt-cv-content\">\u00a0 \u00a0 Sentencia T-938\/05 \u00a0 CUMPLIMIENTO FALLO DE TUTELA-Juez de primera instancia\/ACCION DE TUTELA-Competencia de la Sala Penal del Tribunal de Bogot\u00e1 \u00a0 Referencia: expediente T-1098249 \u00a0 Acci\u00f3n de tutela instaurada por Luz Mila Aroca y Mar\u00eda Felisa Castro contra el Ministerio de Hacienda y Cr\u00e9dito P\u00fablico, el Fondo del Pasivo Social de Ferrocarriles Nacionales de Colombia y la Fundaci\u00f3n San Juan de Dios \u00a0 Magistrado Ponente: \u00a0 Dr. ALVARO TAFUR GALVIS \u00a0 Bogot\u00e1, D. C., ocho (8) de septiembre de dos mil cinco (2005). \u00a0 La Sala Octava de Revisi\u00f3n de la Corte Constitucional, integrada por los magistrados \u00c1lvaro ...<br \/><div class=\"pt-cv-rmwrap\"><a href=\"https:\/\/www.dmsjuridica.com\/buscador_20179478954\/corteconstitucionalcronologico202454587\/t-938-05\/\" class=\"_self pt-cv-readmore btn btn-success\" target=\"_self\">Ver Sentencia Completa...<\/a><\/div><\/div><\/div><\/div>\n<div class=\"col-md-12 col-sm-12 col-xs-12 pt-cv-content-item pt-cv-1-col\" ><div class='pt-cv-ifield'><a href=\"https:\/\/www.dmsjuridica.com\/buscador_20179478954\/corteconstitucionalcronologico202454587\/t-937-05\/\" class=\"_self pt-cv-href-thumbnail pt-cv-thumb-default\" target=\"_self\" ><\/a>\n<div class=\"pt-cv-taxoterm above_title\"><a href='https:\/\/www.dmsjuridica.com\/buscador_20179478954\/corteconstitucionalcronologico202454587\/category\/buscar-en-toda-la-corte\/2005\/tutelas-2005\/' title='Tutelas 2005' class='pt-cv-tax-tutelas-2005'>Tutelas 2005<\/a><\/div>\n<h4 class=\"pt-cv-title\"><a href=\"https:\/\/www.dmsjuridica.com\/buscador_20179478954\/corteconstitucionalcronologico202454587\/t-937-05\/\" class=\"_self\" target=\"_self\" >T-937-05<\/a><\/h4>\n<div class=\"pt-cv-content\">\u00a0 \u00a0 Sentencia T-937\/05 \u00a0 ACCION DE TUTELA CONTRA PROVIDENCIAS JUDICIALES-Improcedencia por existir otro medio de defensa judicial\u00a0 \u00a0 Referencia: expediente T-1125166 \u00a0 Acci\u00f3n de tutela instaurada por Leopoldo Bonnet Quant y otra contra el Juzgado Cuarenta Civil del Circuito de Bogot\u00e1\u00a0 \u00a0 Magistrado Ponente: \u00a0 Dr. ALVARO TAFUR GALVIS \u00a0 Bogot\u00e1, D. C., ocho (8) de septiembre de dos mil cinco (2005). \u00a0 La Sala Octava de Revisi\u00f3n de la Corte Constitucional, integrada por los magistrados Clara In\u00e9s Vargas Hern\u00e1ndez, Jaime Araujo Renter\u00eda y Alvaro Tafur Galvis, en ejercicio de su competencia constitucional y legal, ha proferido la siguiente ...<br \/><div class=\"pt-cv-rmwrap\"><a href=\"https:\/\/www.dmsjuridica.com\/buscador_20179478954\/corteconstitucionalcronologico202454587\/t-937-05\/\" class=\"_self pt-cv-readmore btn btn-success\" target=\"_self\">Ver Sentencia Completa...<\/a><\/div><\/div><\/div><\/div>\n<div class=\"col-md-12 col-sm-12 col-xs-12 pt-cv-content-item pt-cv-1-col\" ><div class='pt-cv-ifield'><a href=\"https:\/\/www.dmsjuridica.com\/buscador_20179478954\/corteconstitucionalcronologico202454587\/t-936-05\/\" class=\"_self pt-cv-href-thumbnail pt-cv-thumb-default\" target=\"_self\" ><\/a>\n<div class=\"pt-cv-taxoterm above_title\"><a href='https:\/\/www.dmsjuridica.com\/buscador_20179478954\/corteconstitucionalcronologico202454587\/category\/buscar-en-toda-la-corte\/2005\/tutelas-2005\/' title='Tutelas 2005' class='pt-cv-tax-tutelas-2005'>Tutelas 2005<\/a><\/div>\n<h4 class=\"pt-cv-title\"><a href=\"https:\/\/www.dmsjuridica.com\/buscador_20179478954\/corteconstitucionalcronologico202454587\/t-936-05\/\" class=\"_self\" target=\"_self\" >T-936-05<\/a><\/h4>\n<div class=\"pt-cv-content\">\u00a0 \u00a0 Sentencia T-936\/05 \u00a0 CONTRALORIA GENERAL DE LA REPUBLICA-Competencia excepcional respecto al control de recursos de entidades territoriales\/PREVALENCIA DEL DERECHO SUSTANCIAL \u00a0 MEDIO DE DEFENSA JUDICIAL INEFICAZ Y ACCION DE DEFINICION DE COMPETENCIAS ADMINISTRATIVAS \u00a0 Contrariamente a lo se\u00f1alado por los jueces de instancia es claro que la acci\u00f3n de definici\u00f3n de competencias administrativas establecida en el art\u00edculo 88 del C\u00f3digo Contencioso Administrativo -hoy derogado por el art\u00edculo 4\u00b0 de la Ley 954 de 2005- no constitu\u00eda una v\u00eda judicial id\u00f3nea para la demandante, que le impidiera acudir a la acci\u00f3n de tutela en procura de la protecci\u00f3n de ...<br \/><div class=\"pt-cv-rmwrap\"><a href=\"https:\/\/www.dmsjuridica.com\/buscador_20179478954\/corteconstitucionalcronologico202454587\/t-936-05\/\" class=\"_self pt-cv-readmore btn btn-success\" target=\"_self\">Ver Sentencia Completa...<\/a><\/div><\/div><\/div><\/div>\n<div class=\"col-md-12 col-sm-12 col-xs-12 pt-cv-content-item pt-cv-1-col\" ><div class='pt-cv-ifield'><a href=\"https:\/\/www.dmsjuridica.com\/buscador_20179478954\/corteconstitucionalcronologico202454587\/t-935-05\/\" class=\"_self pt-cv-href-thumbnail pt-cv-thumb-default\" target=\"_self\" ><\/a>\n<div class=\"pt-cv-taxoterm above_title\"><a href='https:\/\/www.dmsjuridica.com\/buscador_20179478954\/corteconstitucionalcronologico202454587\/category\/buscar-en-toda-la-corte\/2005\/tutelas-2005\/' title='Tutelas 2005' class='pt-cv-tax-tutelas-2005'>Tutelas 2005<\/a><\/div>\n<h4 class=\"pt-cv-title\"><a href=\"https:\/\/www.dmsjuridica.com\/buscador_20179478954\/corteconstitucionalcronologico202454587\/t-935-05\/\" class=\"_self\" target=\"_self\" >T-935-05<\/a><\/h4>\n<div class=\"pt-cv-content\">\u00a0 \u00a0 Sentencia T-935\/05 \u00a0 DERECHO A LA SALUD DE PERSONA DE LA TERCERA EDAD-Fundamental aut\u00f3nomo\/ACCION DE TUTELA-Hecho superado por prestaci\u00f3n del servicio de salud \u00a0 Referencia: expediente T-1150689 \u00a0 Acci\u00f3n de tutela instaurada por la se\u00f1ora Catalina Demeris Zu\u00f1iga, contra Humana Vivir EPS seccional Santa Marta \u2013 Magdalena. \u00a0 Procedencia: Juzgado Cuarto Penal Municipal de Santa Marta. \u00a0 Magistrado Ponente: \u00a0 Dr. ALFREDO BELTR\u00c1N SIERRA. \u00a0 Bogot\u00e1, D. C., ocho (8) de septiembre de dos mil cinco (2005). \u00a0 La Sala Segunda de Revisi\u00f3n de la Corte Constitucional, integrada por los magistrados, Alfredo Beltr\u00e1n Sierra, Manuel Jos\u00e9 Cepeda Espinosa ...<br \/><div class=\"pt-cv-rmwrap\"><a href=\"https:\/\/www.dmsjuridica.com\/buscador_20179478954\/corteconstitucionalcronologico202454587\/t-935-05\/\" class=\"_self pt-cv-readmore btn btn-success\" target=\"_self\">Ver Sentencia Completa...<\/a><\/div><\/div><\/div><\/div>\n<div class=\"col-md-12 col-sm-12 col-xs-12 pt-cv-content-item pt-cv-1-col\" ><div class='pt-cv-ifield'><a href=\"https:\/\/www.dmsjuridica.com\/buscador_20179478954\/corteconstitucionalcronologico202454587\/t-934-05\/\" class=\"_self pt-cv-href-thumbnail pt-cv-thumb-default\" target=\"_self\" ><\/a>\n<div class=\"pt-cv-taxoterm above_title\"><a href='https:\/\/www.dmsjuridica.com\/buscador_20179478954\/corteconstitucionalcronologico202454587\/category\/buscar-en-toda-la-corte\/2005\/tutelas-2005\/' title='Tutelas 2005' class='pt-cv-tax-tutelas-2005'>Tutelas 2005<\/a><\/div>\n<h4 class=\"pt-cv-title\"><a href=\"https:\/\/www.dmsjuridica.com\/buscador_20179478954\/corteconstitucionalcronologico202454587\/t-934-05\/\" class=\"_self\" target=\"_self\" >T-934-05<\/a><\/h4>\n<div class=\"pt-cv-content\">\u00a0 \u00a0 Sentencia T-934\/05 \u00a0 DERECHO A LA IGUALDAD-Discriminaci\u00f3n a portadores de VIH o que padecen Sida \u00a0 PERSONA PORTADORA DE VIH-Protecci\u00f3n constitucional en el \u00e1mbito laboral \u00a0 DEBER DE SOLIDARIDAD-Estabilidad laboral en portador de VIH\/ENFERMO DE SIDA-Estabilidad laboral reforzada no es absoluta\/ACCION DE TUTELA-Improcedencia cuando desvinculaci\u00f3n laboral no est\u00e1 relacionada con enfermedad del trabajador \u00a0 De las pruebas practicadas y obrantes en el expediente (prueba documental y testimonial) no se infiere que el empleador hubiera tenido conocimiento de la enfermedad, y mucho menos que la terminaci\u00f3n del contrato haya operado por dicha raz\u00f3n. Lo que resulta reprochable desde el ...<br \/><div class=\"pt-cv-rmwrap\"><a href=\"https:\/\/www.dmsjuridica.com\/buscador_20179478954\/corteconstitucionalcronologico202454587\/t-934-05\/\" class=\"_self pt-cv-readmore btn btn-success\" target=\"_self\">Ver Sentencia Completa...<\/a><\/div><\/div><\/div><\/div>\n<div class=\"col-md-12 col-sm-12 col-xs-12 pt-cv-content-item pt-cv-1-col\" ><div class='pt-cv-ifield'><a href=\"https:\/\/www.dmsjuridica.com\/buscador_20179478954\/corteconstitucionalcronologico202454587\/t-933-05\/\" class=\"_self pt-cv-href-thumbnail pt-cv-thumb-default\" target=\"_self\" ><\/a>\n<div class=\"pt-cv-taxoterm above_title\"><a href='https:\/\/www.dmsjuridica.com\/buscador_20179478954\/corteconstitucionalcronologico202454587\/category\/buscar-en-toda-la-corte\/2005\/tutelas-2005\/' title='Tutelas 2005' class='pt-cv-tax-tutelas-2005'>Tutelas 2005<\/a><\/div>\n<h4 class=\"pt-cv-title\"><a href=\"https:\/\/www.dmsjuridica.com\/buscador_20179478954\/corteconstitucionalcronologico202454587\/t-933-05\/\" class=\"_self\" target=\"_self\" >T-933-05<\/a><\/h4>\n<div class=\"pt-cv-content\">\u00a0 \u00a0 Sentencia T-933\/05 \u00a0 ACCION DE TUTELA INSTITUCION UNIVERSITARIA-Procedencia por prestar servicio p\u00fablico de educaci\u00f3n \u00a0 AUTONOMIA UNIVERSITARIA-Contenido\/AUTONOMIA UNIVERSITARIA-Campo de aplicaci\u00f3n \u00a0 Teniendo en cuenta el fundamento jur\u00eddico que inspira el principio de autonom\u00eda universitaria, la Corte ha definido su campo de aplicaci\u00f3n a partir de dos grandes escenarios que facilitan la realizaci\u00f3n material de los fines que persigue. Tales escenarios abarcan, por una parte, (i) la autorregulaci\u00f3n acad\u00e9mica propiamente dicha, la cual se desenvuelve en el espectro de la libertad de pensamiento y pluralismo ideol\u00f3gico, permitiendo a cada instituci\u00f3n adoptar los ideales filos\u00f3ficos y pedag\u00f3gicos que van a ...<br \/><div class=\"pt-cv-rmwrap\"><a href=\"https:\/\/www.dmsjuridica.com\/buscador_20179478954\/corteconstitucionalcronologico202454587\/t-933-05\/\" class=\"_self pt-cv-readmore btn btn-success\" target=\"_self\">Ver Sentencia Completa...<\/a><\/div><\/div><\/div><\/div>\n<div class=\"col-md-12 col-sm-12 col-xs-12 pt-cv-content-item pt-cv-1-col\" ><div class='pt-cv-ifield'><a href=\"https:\/\/www.dmsjuridica.com\/buscador_20179478954\/corteconstitucionalcronologico202454587\/t-922-05\/\" class=\"_self pt-cv-href-thumbnail pt-cv-thumb-default\" target=\"_self\" ><\/a>\n<div class=\"pt-cv-taxoterm above_title\"><a href='https:\/\/www.dmsjuridica.com\/buscador_20179478954\/corteconstitucionalcronologico202454587\/category\/buscar-en-toda-la-corte\/2005\/tutelas-2005\/' title='Tutelas 2005' class='pt-cv-tax-tutelas-2005'>Tutelas 2005<\/a><\/div>\n<h4 class=\"pt-cv-title\"><a href=\"https:\/\/www.dmsjuridica.com\/buscador_20179478954\/corteconstitucionalcronologico202454587\/t-922-05\/\" class=\"_self\" target=\"_self\" >T-922-05<\/a><\/h4>\n<div class=\"pt-cv-content\">\u00a0 \u00a0 Sentencia T-922\/05 \u00a0 SERVICIO PUBLICO DE SALUD-Continuidad\/DERECHOS FUNDAMENTALES- Vulneraci\u00f3n por interrupci\u00f3n de tratamiento m\u00e9dico por EPS \u00a0 Reiteraci\u00f3n de Jurisprudencia \u00a0 Referencia: expediente T-1155194\u00a0 \u00a0 Acci\u00f3n de tutela instaurada por July Johanna Berr\u00edos Calder\u00f3n contra Humanavivir E.P.S. \u00a0 Magistrado Ponente \u00a0 Dr. MANUEL JOS\u00c9 CEPEDA ESPINOSA \u00a0 Bogot\u00e1, D. C., dos (2) d\u00edas de septiembre de dos mil cinco (2005). \u00a0 Teniendo en cuenta que el problema jur\u00eddico que suscita la presente acci\u00f3n de tutela ya ha sido objeto de otros pronunciamientos por parte de esta Corporaci\u00f3n, la Sala Tercera de Revisi\u00f3n de la Corte Constitucional decide reiterar ...<br \/><div class=\"pt-cv-rmwrap\"><a href=\"https:\/\/www.dmsjuridica.com\/buscador_20179478954\/corteconstitucionalcronologico202454587\/t-922-05\/\" class=\"_self pt-cv-readmore btn btn-success\" target=\"_self\">Ver Sentencia Completa...<\/a><\/div><\/div><\/div><\/div>\n<div class=\"col-md-12 col-sm-12 col-xs-12 pt-cv-content-item pt-cv-1-col\" ><div class='pt-cv-ifield'><a href=\"https:\/\/www.dmsjuridica.com\/buscador_20179478954\/corteconstitucionalcronologico202454587\/t-921-05\/\" class=\"_self pt-cv-href-thumbnail pt-cv-thumb-default\" target=\"_self\" ><\/a>\n<div class=\"pt-cv-taxoterm above_title\"><a href='https:\/\/www.dmsjuridica.com\/buscador_20179478954\/corteconstitucionalcronologico202454587\/category\/buscar-en-toda-la-corte\/2005\/tutelas-2005\/' title='Tutelas 2005' class='pt-cv-tax-tutelas-2005'>Tutelas 2005<\/a><\/div>\n<h4 class=\"pt-cv-title\"><a href=\"https:\/\/www.dmsjuridica.com\/buscador_20179478954\/corteconstitucionalcronologico202454587\/t-921-05\/\" class=\"_self\" target=\"_self\" >T-921-05<\/a><\/h4>\n<div class=\"pt-cv-content\">\u00a0 \u00a0 Sentencia T-921\/05 \u00a0 LICENCIA DE MATERNIDAD-Procedencia excepcional de tutela para el pago\/LICENCIA DE MATERNIDAD-Reglas aplicables para el pago\/LICENCIA DE MATERNIDAD-Pago por allanamiento a la mora por EPS\/DERECHO AL MINIMO VITAL DE LA MADRE Y SU HIJO RECIEN NACIDO-Pago licencia de maternidad \u00a0 Reiteraci\u00f3n de Jurisprudencia \u00a0 Referencia: expediente T-1141608 \u00a0 Acci\u00f3n de tutela instaurada por Miriam Dolores Losada Vargas contra Coomeva EPS1. \u00a0 Magistrado Ponente \u00a0 Dr. MANUEL JOS\u00c9 CEPEDA ESPINOSA \u00a0 Bogot\u00e1 D. C., dos (2) d\u00edas de septiembre de dos mil cinco (2005). \u00a0 Teniendo en cuenta que el problema jur\u00eddico que suscita la presente acci\u00f3n ...<br \/><div class=\"pt-cv-rmwrap\"><a href=\"https:\/\/www.dmsjuridica.com\/buscador_20179478954\/corteconstitucionalcronologico202454587\/t-921-05\/\" class=\"_self pt-cv-readmore btn btn-success\" target=\"_self\">Ver Sentencia Completa...<\/a><\/div><\/div><\/div><\/div>\n<div class=\"col-md-12 col-sm-12 col-xs-12 pt-cv-content-item pt-cv-1-col\" ><div class='pt-cv-ifield'><a href=\"https:\/\/www.dmsjuridica.com\/buscador_20179478954\/corteconstitucionalcronologico202454587\/t-920-05\/\" class=\"_self pt-cv-href-thumbnail pt-cv-thumb-default\" target=\"_self\" ><\/a>\n<div class=\"pt-cv-taxoterm above_title\"><a href='https:\/\/www.dmsjuridica.com\/buscador_20179478954\/corteconstitucionalcronologico202454587\/category\/buscar-en-toda-la-corte\/2005\/tutelas-2005\/' title='Tutelas 2005' class='pt-cv-tax-tutelas-2005'>Tutelas 2005<\/a><\/div>\n<h4 class=\"pt-cv-title\"><a href=\"https:\/\/www.dmsjuridica.com\/buscador_20179478954\/corteconstitucionalcronologico202454587\/t-920-05\/\" class=\"_self\" target=\"_self\" >T-920-05<\/a><\/h4>\n<div class=\"pt-cv-content\">\u00a0 \u00a0 Sentencia T-920\/05 \u00a0 ACCION DE TUTELA CONTRA PROVIDENCIAS JUDICIALES-Evoluci\u00f3n jurisprudencial \u00a0 PERDIDA DE INVESTIDURA DE CONGRESISTA Y RECURSO DE REVISION \u00a0 ACCION DE TUTELA CONTRA SENTENCIA DE PERDIDA DE INVESTIDURA-Procedencia por existir v\u00eda de hecho\/ACCION DE TUTELA CONTRA SENTENCIA QUE DECIDE RECURSO DE REVISION DE PERDIDA DE INVESTIDURA-Improcedencia \u00a0 Se presentan dos circunstancias que inhiben cualquier posibilidad de estructuraci\u00f3n de las espec\u00edficas causales que ha establecido la jurisprudencia para la procedencia de la acci\u00f3n de tutela contra la decisi\u00f3n del Consejo de Estado, que decide el recurso extraordinario de revisi\u00f3n contra la sentencia que declara la p\u00e9rdida de ...<br \/><div class=\"pt-cv-rmwrap\"><a href=\"https:\/\/www.dmsjuridica.com\/buscador_20179478954\/corteconstitucionalcronologico202454587\/t-920-05\/\" class=\"_self pt-cv-readmore btn btn-success\" target=\"_self\">Ver Sentencia Completa...<\/a><\/div><\/div><\/div><\/div>\n<div class=\"col-md-12 col-sm-12 col-xs-12 pt-cv-content-item pt-cv-1-col\" ><div class='pt-cv-ifield'><a href=\"https:\/\/www.dmsjuridica.com\/buscador_20179478954\/corteconstitucionalcronologico202454587\/t-919-05\/\" class=\"_self pt-cv-href-thumbnail pt-cv-thumb-default\" target=\"_self\" ><\/a>\n<div class=\"pt-cv-taxoterm above_title\"><a href='https:\/\/www.dmsjuridica.com\/buscador_20179478954\/corteconstitucionalcronologico202454587\/category\/buscar-en-toda-la-corte\/2005\/tutelas-2005\/' title='Tutelas 2005' class='pt-cv-tax-tutelas-2005'>Tutelas 2005<\/a><\/div>\n<h4 class=\"pt-cv-title\"><a href=\"https:\/\/www.dmsjuridica.com\/buscador_20179478954\/corteconstitucionalcronologico202454587\/t-919-05\/\" class=\"_self\" target=\"_self\" >T-919-05<\/a><\/h4>\n<div class=\"pt-cv-content\">\u00a0 \u00a0 Sentencia T-919\/05 \u00a0 DERECHO A LA SEGURIDAD SOCIAL-Fundamental por conexidad \u00a0 PENSION DE SOBREVIVIENTES-Fundamental por conexidad con el m\u00ednimo vital \u00a0 La pensi\u00f3n de sobrevivientes puede llegar a constituirse en derecho fundamental en caso de que de ella dependa la garant\u00eda del m\u00ednimo vital del accionante. Efectivamente, pueden llegar a conjugarse factores como la avanzada edad del peticionario con su incapacidad financiera para solventar unas condiciones de vida digna de no recibir la mesada pensional. \u00a0 ACCION DE TUTELA TRANSITORIA POR ADULTO MAYOR-Procedencia \u00a0 En los casos en que la acci\u00f3n de tutela es ejercida por adultos mayores ...<br \/><div class=\"pt-cv-rmwrap\"><a href=\"https:\/\/www.dmsjuridica.com\/buscador_20179478954\/corteconstitucionalcronologico202454587\/t-919-05\/\" class=\"_self pt-cv-readmore btn btn-success\" target=\"_self\">Ver Sentencia Completa...<\/a><\/div><\/div><\/div><\/div>\n<div class=\"col-md-12 col-sm-12 col-xs-12 pt-cv-content-item pt-cv-1-col\" ><div class='pt-cv-ifield'><a href=\"https:\/\/www.dmsjuridica.com\/buscador_20179478954\/corteconstitucionalcronologico202454587\/t-918-05\/\" class=\"_self pt-cv-href-thumbnail pt-cv-thumb-default\" target=\"_self\" ><\/a>\n<div class=\"pt-cv-taxoterm above_title\"><a href='https:\/\/www.dmsjuridica.com\/buscador_20179478954\/corteconstitucionalcronologico202454587\/category\/buscar-en-toda-la-corte\/2005\/tutelas-2005\/' title='Tutelas 2005' class='pt-cv-tax-tutelas-2005'>Tutelas 2005<\/a><\/div>\n<h4 class=\"pt-cv-title\"><a href=\"https:\/\/www.dmsjuridica.com\/buscador_20179478954\/corteconstitucionalcronologico202454587\/t-918-05\/\" class=\"_self\" target=\"_self\" >T-918-05<\/a><\/h4>\n<div class=\"pt-cv-content\">\u00a0 \u00a0 Sentencia T-918\/05 \u00a0 MANUAL DE CONVIVENCIA-No puede vulnerar derechos constitucionales\u00a0 \u00a0 MANUAL DE CONVIVENCIA-Inaplicaci\u00f3n por ser contrario a la Constituci\u00f3n \u00a0 DERECHO AL LIBRE DESARROLLO DE LA PERSONALIDAD-Vulneraci\u00f3n al exigir transferencia a jornada nocturna de estudiantes embarazadas, casados o convivientes \u00a0 Referencia: expediente T-1117446 \u00a0 Acci\u00f3n de tutela interpuesta por Jos\u00e9 Manuel Buitrago Torres en representaci\u00f3n de la menor Aida Silena C\u00e1rdenas contra el Instituto Nacionalizado Litoral Pac\u00edfico de Nuqu\u00ed. \u00a0 Magistrado Ponente: \u00a0 Bogot\u00e1, D. C., \u00a0dos (2) de septiembre de dos mil cinco (2005). \u00a0 La Sala Cuarta de Revisi\u00f3n de la Corte Constitucional, integrada por ...<br \/><div class=\"pt-cv-rmwrap\"><a href=\"https:\/\/www.dmsjuridica.com\/buscador_20179478954\/corteconstitucionalcronologico202454587\/t-918-05\/\" class=\"_self pt-cv-readmore btn btn-success\" target=\"_self\">Ver Sentencia Completa...<\/a><\/div><\/div><\/div><\/div>\n<div class=\"col-md-12 col-sm-12 col-xs-12 pt-cv-content-item pt-cv-1-col\" ><div class='pt-cv-ifield'><a href=\"https:\/\/www.dmsjuridica.com\/buscador_20179478954\/corteconstitucionalcronologico202454587\/t-917-05\/\" class=\"_self pt-cv-href-thumbnail pt-cv-thumb-default\" target=\"_self\" ><\/a>\n<div class=\"pt-cv-taxoterm above_title\"><a href='https:\/\/www.dmsjuridica.com\/buscador_20179478954\/corteconstitucionalcronologico202454587\/category\/buscar-en-toda-la-corte\/2005\/tutelas-2005\/' title='Tutelas 2005' class='pt-cv-tax-tutelas-2005'>Tutelas 2005<\/a><\/div>\n<h4 class=\"pt-cv-title\"><a href=\"https:\/\/www.dmsjuridica.com\/buscador_20179478954\/corteconstitucionalcronologico202454587\/t-917-05\/\" class=\"_self\" target=\"_self\" >T-917-05<\/a><\/h4>\n<div class=\"pt-cv-content\">\u00a0 \u00a0 Sentencia T-917\/05 \u00a0 DERECHO DE PETICION-Alcance y contenido\/DERECHO DE PETICION-Respuesta oportuna, clara y de fondo\/DERECHO DE PETICION-Diligencia del Ministerio de Relaciones Exteriores en informar el resultado de sus gestiones \u00a0 Referencia: expediente T-1091216 \u00a0 Acci\u00f3n de tutela instaurada por Alberto Mendoza Arouni contra el Ministerio de Relaciones Exteriores.\u00a0 \u00a0 Magistrado Ponente: \u00a0 Dr. JAIME CORDOBA TRIVI\u00d1O \u00a0 Bogot\u00e1, D. C., dos \u00a0(2) de septiembre de dos mil cinco (2005). \u00a0 La Sala Cuarta de Revisi\u00f3n de la Corte Constitucional, integrada por los magistrados, Jaime C\u00f3rdoba Trivi\u00f1o, Rodrigo Escobar Gil y Marco Gerardo Monroy Cabra, en ejercicio de sus ...<br \/><div class=\"pt-cv-rmwrap\"><a href=\"https:\/\/www.dmsjuridica.com\/buscador_20179478954\/corteconstitucionalcronologico202454587\/t-917-05\/\" class=\"_self pt-cv-readmore btn btn-success\" target=\"_self\">Ver Sentencia Completa...<\/a><\/div><\/div><\/div><\/div>\n<div class=\"col-md-12 col-sm-12 col-xs-12 pt-cv-content-item pt-cv-1-col\" ><div class='pt-cv-ifield'><a href=\"https:\/\/www.dmsjuridica.com\/buscador_20179478954\/corteconstitucionalcronologico202454587\/t-916-05\/\" class=\"_self pt-cv-href-thumbnail pt-cv-thumb-default\" target=\"_self\" ><\/a>\n<div class=\"pt-cv-taxoterm above_title\"><a href='https:\/\/www.dmsjuridica.com\/buscador_20179478954\/corteconstitucionalcronologico202454587\/category\/buscar-en-toda-la-corte\/2005\/tutelas-2005\/' title='Tutelas 2005' class='pt-cv-tax-tutelas-2005'>Tutelas 2005<\/a><\/div>\n<h4 class=\"pt-cv-title\"><a href=\"https:\/\/www.dmsjuridica.com\/buscador_20179478954\/corteconstitucionalcronologico202454587\/t-916-05\/\" class=\"_self\" target=\"_self\" >T-916-05<\/a><\/h4>\n<div class=\"pt-cv-content\">\u00a0 \u00a0 Sentencia T-916\/05 \u00a0 CUMPLIMIENTO DE SENTENCIAS-Inmediatez\/ACCION DE TUTELA PARA CUMPLIMIENTO DE SENTENCIAS-Alcance \u00a0 ACCION DE TUTELA-Improcedencia para revivir debates procesales debidamente concluidos \u00a0 ACCION DE TUTELA-Condiciones para procedencia excepcional de indemnizaci\u00f3n de perjuicios\/MEDIO DE DEFENSA JUDICIAL Y ACCION DE REPARACION DIRECTA-Solicitud de indemnizaci\u00f3n de perjuicios \u00a0 Es claro que el demandante respecto de la solicitud de indemnizaci\u00f3n de perjuicios por la supuesta omisi\u00f3n del Estado en lo que se refiere al cumplimiento de la providencia proferida por la extinta autoridad aduanera, cuenta con otro mecanismo de defensa judicial, cual es la acci\u00f3n de reparaci\u00f3n directa consagrada en el ...<br \/><div class=\"pt-cv-rmwrap\"><a href=\"https:\/\/www.dmsjuridica.com\/buscador_20179478954\/corteconstitucionalcronologico202454587\/t-916-05\/\" class=\"_self pt-cv-readmore btn btn-success\" target=\"_self\">Ver Sentencia Completa...<\/a><\/div><\/div><\/div><\/div>\n<div class=\"col-md-12 col-sm-12 col-xs-12 pt-cv-content-item pt-cv-1-col\" ><div class='pt-cv-ifield'><a href=\"https:\/\/www.dmsjuridica.com\/buscador_20179478954\/corteconstitucionalcronologico202454587\/t-915-05\/\" class=\"_self pt-cv-href-thumbnail pt-cv-thumb-default\" target=\"_self\" ><\/a>\n<div class=\"pt-cv-taxoterm above_title\"><a href='https:\/\/www.dmsjuridica.com\/buscador_20179478954\/corteconstitucionalcronologico202454587\/category\/buscar-en-toda-la-corte\/2005\/tutelas-2005\/' title='Tutelas 2005' class='pt-cv-tax-tutelas-2005'>Tutelas 2005<\/a><\/div>\n<h4 class=\"pt-cv-title\"><a href=\"https:\/\/www.dmsjuridica.com\/buscador_20179478954\/corteconstitucionalcronologico202454587\/t-915-05\/\" class=\"_self\" target=\"_self\" >T-915-05<\/a><\/h4>\n<div class=\"pt-cv-content\">\u00a0 \u00a0 Sentencia T-915\/05 \u00a0 JUSTICIABILIDAD DE PRESTACIONES EXCLUIDAS DEL PLAN OBLIGATORIO DE SALUD-Criterios para la procedencia de tutela \u00a0 DERECHO A LA SALUD FRENTE A SUJETOS DE ESPECIAL PROTECCION-Fundamental\/ENFERMO DE SIDA COMO SUJETO DE ESPECIAL PROTECCION-Atenci\u00f3n en salud oportuna, integral, inmediata y continua \u00a0 Referencia: Expediente T-1\u2019112.606. \u00a0 Accionante: Salvador Loaiza Sierra. \u00a0 Demandado: Seguro Social, Seccional Valle del Cauca.\u00a0 \u00a0 Magistrado Ponente:\u00a0 \u00a0 RODRIGO ESCOBAR GIL. \u00a0 Bogot\u00e1, D. C., dos (2) de septiembre de dos mil cinco (2005). \u00a0 La Sala Quinta de Revisi\u00f3n de la Corte Constitucional, integrada por los Magistrados Rodrigo Escobar Gil -Presidente-, Marco ...<br \/><div class=\"pt-cv-rmwrap\"><a href=\"https:\/\/www.dmsjuridica.com\/buscador_20179478954\/corteconstitucionalcronologico202454587\/t-915-05\/\" class=\"_self pt-cv-readmore btn btn-success\" target=\"_self\">Ver Sentencia Completa...<\/a><\/div><\/div><\/div><\/div>\n<div class=\"col-md-12 col-sm-12 col-xs-12 pt-cv-content-item pt-cv-1-col\" ><div class='pt-cv-ifield'><a href=\"https:\/\/www.dmsjuridica.com\/buscador_20179478954\/corteconstitucionalcronologico202454587\/t-913-05\/\" class=\"_self pt-cv-href-thumbnail pt-cv-thumb-default\" target=\"_self\" ><\/a>\n<div class=\"pt-cv-taxoterm above_title\"><a href='https:\/\/www.dmsjuridica.com\/buscador_20179478954\/corteconstitucionalcronologico202454587\/category\/buscar-en-toda-la-corte\/2005\/tutelas-2005\/' title='Tutelas 2005' class='pt-cv-tax-tutelas-2005'>Tutelas 2005<\/a><\/div>\n<h4 class=\"pt-cv-title\"><a href=\"https:\/\/www.dmsjuridica.com\/buscador_20179478954\/corteconstitucionalcronologico202454587\/t-913-05\/\" class=\"_self\" target=\"_self\" >T-913-05<\/a><\/h4>\n<div class=\"pt-cv-content\">\u00a0 \u00a0 Sentencia T-913\/05 \u00a0 PLAN OBLIGATORIO DE SALUD-Inaplicabilidad de restricciones.\u00a0 \u00a0 Aunque las restricciones lo sean por disposici\u00f3n de la Ley o reglamento, su aplicaci\u00f3n no puede hacerse de manera autom\u00e1tica en todas las situaciones, sino que, deben consultarse en cada caso concreto, los criterios de prelaci\u00f3n, necesidad y urgencia que lo rodeen, porque pueden llegar a desvirtuar su legitimidad, haciendo que, a pesar de la limitaci\u00f3n o exclusi\u00f3n que se encuentra debidamente reglada, deban proporcionarse los medicamentos o servicios limitados o excluidos del POS.\u00a0 \u00a0 PLAN OBLIGATORIO DE SALUD-Criterios de evaluaci\u00f3n para inaplicar restricciones \u00a0 En cada situaci\u00f3n ...<br \/><div class=\"pt-cv-rmwrap\"><a href=\"https:\/\/www.dmsjuridica.com\/buscador_20179478954\/corteconstitucionalcronologico202454587\/t-913-05\/\" class=\"_self pt-cv-readmore btn btn-success\" target=\"_self\">Ver Sentencia Completa...<\/a><\/div><\/div><\/div><\/div>\n<div class=\"col-md-12 col-sm-12 col-xs-12 pt-cv-content-item pt-cv-1-col\" ><div class='pt-cv-ifield'><a href=\"https:\/\/www.dmsjuridica.com\/buscador_20179478954\/corteconstitucionalcronologico202454587\/t-912-05\/\" class=\"_self pt-cv-href-thumbnail pt-cv-thumb-default\" target=\"_self\" ><\/a>\n<div class=\"pt-cv-taxoterm above_title\"><a href='https:\/\/www.dmsjuridica.com\/buscador_20179478954\/corteconstitucionalcronologico202454587\/category\/buscar-en-toda-la-corte\/2005\/tutelas-2005\/' title='Tutelas 2005' class='pt-cv-tax-tutelas-2005'>Tutelas 2005<\/a><\/div>\n<h4 class=\"pt-cv-title\"><a href=\"https:\/\/www.dmsjuridica.com\/buscador_20179478954\/corteconstitucionalcronologico202454587\/t-912-05\/\" class=\"_self\" target=\"_self\" >T-912-05<\/a><\/h4>\n<div class=\"pt-cv-content\">\u00a0 \u00a0 Sentencia T-912\/05 \u00a0 REGIMEN SUBSIDIADO DE SALUD-Finalidad\/ENTIDAD PROMOTORA DE SALUD-Funci\u00f3n b\u00e1sica\/DERECHO A LA SALUD-Fundamental por conexidad\/DERECHO A LA SALUD-Fundamental aut\u00f3nomo. \u00a0 Cuando se trata de tratamientos, medicamentos o procedimientos incluidos en el POS, el derecho a la salud tiene car\u00e1cter fundamental de manera aut\u00f3noma, \u201cpues es posible constatar la existencia de regulaciones internas sobre el derecho a la salud\u201d. En tales situaciones las personas adquieren un derecho subjetivo a recibir las prestaciones definidas en el Plan Obligatorio de Salud, pero cuando se prueba el incumplimiento en general de las normas que regulan el Sistema General de Seguridad Social ...<br \/><div class=\"pt-cv-rmwrap\"><a href=\"https:\/\/www.dmsjuridica.com\/buscador_20179478954\/corteconstitucionalcronologico202454587\/t-912-05\/\" class=\"_self pt-cv-readmore btn btn-success\" target=\"_self\">Ver Sentencia Completa...<\/a><\/div><\/div><\/div><\/div>\n<div class=\"col-md-12 col-sm-12 col-xs-12 pt-cv-content-item pt-cv-1-col\" ><div class='pt-cv-ifield'><a href=\"https:\/\/www.dmsjuridica.com\/buscador_20179478954\/corteconstitucionalcronologico202454587\/t-911-05\/\" class=\"_self pt-cv-href-thumbnail pt-cv-thumb-default\" target=\"_self\" ><\/a>\n<div class=\"pt-cv-taxoterm above_title\"><a href='https:\/\/www.dmsjuridica.com\/buscador_20179478954\/corteconstitucionalcronologico202454587\/category\/buscar-en-toda-la-corte\/2005\/tutelas-2005\/' title='Tutelas 2005' class='pt-cv-tax-tutelas-2005'>Tutelas 2005<\/a><\/div>\n<h4 class=\"pt-cv-title\"><a href=\"https:\/\/www.dmsjuridica.com\/buscador_20179478954\/corteconstitucionalcronologico202454587\/t-911-05\/\" class=\"_self\" target=\"_self\" >T-911-05<\/a><\/h4>\n<div class=\"pt-cv-content\">\u00a0 \u00a0 Sentencia T-911\/05 \u00a0 DERECHO A LA SEGURIDAD SOCIAL-Fundamental por conexidad \u00a0 BONOS PENSIONALES-Demora en emisi\u00f3n afecta derechos fundamentales \u00a0 ACCION DE TUTELA-Improcedencia para determinar a quien corresponde el pago de aportes o bonos pensionales \u00a0 La reclamaci\u00f3n hecha por el accionante en relaci\u00f3n con el no reconocimiento por parte de alguna de las entidades accionadas de la obligaci\u00f3n de pagar los aportes en materia pensional para la liquidaci\u00f3n, emisi\u00f3n y pago del respectivo bono pensional, no se ha podido determinar por cuanto que los argumentos jur\u00eddicos y legales expuesto tanto por el Banco de la Rep\u00fablica y BANCOLDEX ...<br \/><div class=\"pt-cv-rmwrap\"><a href=\"https:\/\/www.dmsjuridica.com\/buscador_20179478954\/corteconstitucionalcronologico202454587\/t-911-05\/\" class=\"_self pt-cv-readmore btn btn-success\" target=\"_self\">Ver Sentencia Completa...<\/a><\/div><\/div><\/div><\/div>\n<div class=\"col-md-12 col-sm-12 col-xs-12 pt-cv-content-item pt-cv-1-col\" ><div class='pt-cv-ifield'><a href=\"https:\/\/www.dmsjuridica.com\/buscador_20179478954\/corteconstitucionalcronologico202454587\/t-910-05\/\" class=\"_self pt-cv-href-thumbnail pt-cv-thumb-default\" target=\"_self\" ><\/a>\n<div class=\"pt-cv-taxoterm above_title\"><a href='https:\/\/www.dmsjuridica.com\/buscador_20179478954\/corteconstitucionalcronologico202454587\/category\/buscar-en-toda-la-corte\/2005\/tutelas-2005\/' title='Tutelas 2005' class='pt-cv-tax-tutelas-2005'>Tutelas 2005<\/a><\/div>\n<h4 class=\"pt-cv-title\"><a href=\"https:\/\/www.dmsjuridica.com\/buscador_20179478954\/corteconstitucionalcronologico202454587\/t-910-05\/\" class=\"_self\" target=\"_self\" >T-910-05<\/a><\/h4>\n<div class=\"pt-cv-content\">\u00a0 \u00a0 Sentencia T-910\/05 \u00a0 DERECHO A LA SALUD DEL NI\u00d1O-Fundamental \u00a0 PLAN OBLIGATORIO DE SALUD-Exclusi\u00f3n de medicamentos, tratamiento e intervenciones de alto costo\/INAPLICACION DE NORMAS DEL PLAN OBLIGATORIO DE SALUD-Casos en que procede\/ACCION DE TUTELA-Improcedencia por cuanto el medicamento no fue ordenado por m\u00e9dico adscrito a la EPS y los padres cuentan con capacidad econ\u00f3mica. \u00a0 Referencia: expediente T-1113952 \u00a0 Acci\u00f3n de tutela instaurada por Mar\u00eda Fernanda Acu\u00f1a contra Humana Vivir EPS. \u00a0 Magistrado Ponente: \u00a0 Dr. ALVARO TAFUR GALVIS \u00a0 Bogot\u00e1 D. C., primero (1) de septiembre de dos mil cinco (2005). \u00a0 La Sala Octava de Revisi\u00f3n ...<br \/><div class=\"pt-cv-rmwrap\"><a href=\"https:\/\/www.dmsjuridica.com\/buscador_20179478954\/corteconstitucionalcronologico202454587\/t-910-05\/\" class=\"_self pt-cv-readmore btn btn-success\" target=\"_self\">Ver Sentencia Completa...<\/a><\/div><\/div><\/div><\/div>\n<div class=\"col-md-12 col-sm-12 col-xs-12 pt-cv-content-item pt-cv-1-col\" ><div class='pt-cv-ifield'><a href=\"https:\/\/www.dmsjuridica.com\/buscador_20179478954\/corteconstitucionalcronologico202454587\/t-909-05\/\" class=\"_self pt-cv-href-thumbnail pt-cv-thumb-default\" target=\"_self\" ><\/a>\n<div class=\"pt-cv-taxoterm above_title\"><a href='https:\/\/www.dmsjuridica.com\/buscador_20179478954\/corteconstitucionalcronologico202454587\/category\/buscar-en-toda-la-corte\/2005\/tutelas-2005\/' title='Tutelas 2005' class='pt-cv-tax-tutelas-2005'>Tutelas 2005<\/a><\/div>\n<h4 class=\"pt-cv-title\"><a href=\"https:\/\/www.dmsjuridica.com\/buscador_20179478954\/corteconstitucionalcronologico202454587\/t-909-05\/\" class=\"_self\" target=\"_self\" >T-909-05<\/a><\/h4>\n<div class=\"pt-cv-content\">\u00a0 \u00a0 Sentencia T-909\/05 \u00a0 DERECHO A LA ESTABILIDAD LABORAL REFORZADA DE MUJER EMBARAZADA-Alcance\/MUJER EMBARAZADA-Protecci\u00f3n constitucional especial\/MUJER EMBARAZADA-Terminaci\u00f3n del contrato laboral\/DERECHO A LA ESTABILIDAD LABORAL REFORZADA DE MUJER EMBARAZADA-Reintegro\u00a0 \u00a0 Referencia: expediente T-1110651 \u00a0 Acci\u00f3n de tutela instaurada por SONIA DEL SOCORRO GARRIDO GUERRA contra CONTUPERSONAL LTDA. y EDATEL S.A. E.S.P. \u00a0 Magistrado Ponente: \u00a0 Dr. ALVARO TAFUR GALVIS \u00a0 Bogot\u00e1, D. C., primero (1\u00ba) de septiembre de dos mil cinco (2005). \u00a0 La Sala Octava de Revisi\u00f3n de la Corte Constitucional, integrada por los magistrados Jaime Ara\u00fajo Renter\u00eda, Clara In\u00e9s Vargas Hern\u00e1ndez y \u00c1lvaro Tafur Galvis, en ejercicio de ...<br \/><div class=\"pt-cv-rmwrap\"><a href=\"https:\/\/www.dmsjuridica.com\/buscador_20179478954\/corteconstitucionalcronologico202454587\/t-909-05\/\" class=\"_self pt-cv-readmore btn btn-success\" target=\"_self\">Ver Sentencia Completa...<\/a><\/div><\/div><\/div><\/div>\n<div class=\"col-md-12 col-sm-12 col-xs-12 pt-cv-content-item pt-cv-1-col\" ><div class='pt-cv-ifield'><a href=\"https:\/\/www.dmsjuridica.com\/buscador_20179478954\/corteconstitucionalcronologico202454587\/t-908-05\/\" class=\"_self pt-cv-href-thumbnail pt-cv-thumb-default\" target=\"_self\" ><\/a>\n<div class=\"pt-cv-taxoterm above_title\"><a href='https:\/\/www.dmsjuridica.com\/buscador_20179478954\/corteconstitucionalcronologico202454587\/category\/buscar-en-toda-la-corte\/2005\/tutelas-2005\/' title='Tutelas 2005' class='pt-cv-tax-tutelas-2005'>Tutelas 2005<\/a><\/div>\n<h4 class=\"pt-cv-title\"><a href=\"https:\/\/www.dmsjuridica.com\/buscador_20179478954\/corteconstitucionalcronologico202454587\/t-908-05\/\" class=\"_self\" target=\"_self\" >T-908-05<\/a><\/h4>\n<div class=\"pt-cv-content\">\u00a0 \u00a0 Sentencia T-908\/05 \u00a0 RECURSO DE REVISION-Procedencia\/ACCION DE TUTELA-Improcedencia por cuanto debe interponerse el recurso de revisi\u00f3n\/ACCION DE TUTELA-Improcedencia frente a la evicci\u00f3n del inmueble\u00a0 \u00a0 \u00a0 Referencia: expediente T-1093282 \u00a0 Acci\u00f3n de tutela instaurada por el Departamento Administrativo Defensor\u00eda del Espacio P\u00fablico contra el Juzgado D\u00e9cimo Civil del Circuito de Bogot\u00e1\u00a0 \u00a0 Magistrado Ponente\u00a0 \u00a0 Bogot\u00e1, D. C., primero (1\u00b0) de septiembre de dos mil cinco (2005). \u00a0 La Sala Octava de Revisi\u00f3n de la Corte Constitucional, integrada por los magistrados Clara In\u00e9s Vargas Hern\u00e1ndez, Jaime Araujo Renter\u00eda y Alvaro Tafur Galvis, en ejercicio de su competencia constitucional ...<br \/><div class=\"pt-cv-rmwrap\"><a href=\"https:\/\/www.dmsjuridica.com\/buscador_20179478954\/corteconstitucionalcronologico202454587\/t-908-05\/\" class=\"_self pt-cv-readmore btn btn-success\" target=\"_self\">Ver Sentencia Completa...<\/a><\/div><\/div><\/div><\/div>\n<div class=\"col-md-12 col-sm-12 col-xs-12 pt-cv-content-item pt-cv-1-col\" ><div class='pt-cv-ifield'><a href=\"https:\/\/www.dmsjuridica.com\/buscador_20179478954\/corteconstitucionalcronologico202454587\/t-906-05\/\" class=\"_self pt-cv-href-thumbnail pt-cv-thumb-default\" target=\"_self\" ><\/a>\n<div class=\"pt-cv-taxoterm above_title\"><a href='https:\/\/www.dmsjuridica.com\/buscador_20179478954\/corteconstitucionalcronologico202454587\/category\/buscar-en-toda-la-corte\/2005\/tutelas-2005\/' title='Tutelas 2005' class='pt-cv-tax-tutelas-2005'>Tutelas 2005<\/a><\/div>\n<h4 class=\"pt-cv-title\"><a href=\"https:\/\/www.dmsjuridica.com\/buscador_20179478954\/corteconstitucionalcronologico202454587\/t-906-05\/\" class=\"_self\" target=\"_self\" >T-906-05<\/a><\/h4>\n<div class=\"pt-cv-content\">\u00a0 \u00a0 Sentencia T-906\/05 \u00a0 DERECHO A MANTENER EL PODER ADQUISITIVO DE LAS PENSIONES-No es derecho fundamental aut\u00f3nomo \u00a0 Por regla general, el derecho a mantener el poder adquisitivo de las pensiones no es como tal un derecho fundamental aut\u00f3nomo. Existen al menos cuatro razones para sostener esta afirmaci\u00f3n, la primera, es la ausencia de una disposici\u00f3n constitucional que lo determine de manera expl\u00edcita, la segunda, es que su car\u00e1cter universal no est\u00e1 definido conceptual ni normativamente, la tercera, es que al incorporar contenidos patrimoniales implica referentes de protecci\u00f3n diferenciados, y la cuarta, es que no guarda una relaci\u00f3n de ...<br \/><div class=\"pt-cv-rmwrap\"><a href=\"https:\/\/www.dmsjuridica.com\/buscador_20179478954\/corteconstitucionalcronologico202454587\/t-906-05\/\" class=\"_self pt-cv-readmore btn btn-success\" target=\"_self\">Ver Sentencia Completa...<\/a><\/div><\/div><\/div><\/div>\n<div class=\"col-md-12 col-sm-12 col-xs-12 pt-cv-content-item pt-cv-1-col\" ><div class='pt-cv-ifield'><a href=\"https:\/\/www.dmsjuridica.com\/buscador_20179478954\/corteconstitucionalcronologico202454587\/t-905-05\/\" class=\"_self pt-cv-href-thumbnail pt-cv-thumb-default\" target=\"_self\" ><\/a>\n<div class=\"pt-cv-taxoterm above_title\"><a href='https:\/\/www.dmsjuridica.com\/buscador_20179478954\/corteconstitucionalcronologico202454587\/category\/buscar-en-toda-la-corte\/2005\/tutelas-2005\/' title='Tutelas 2005' class='pt-cv-tax-tutelas-2005'>Tutelas 2005<\/a><\/div>\n<h4 class=\"pt-cv-title\"><a href=\"https:\/\/www.dmsjuridica.com\/buscador_20179478954\/corteconstitucionalcronologico202454587\/t-905-05\/\" class=\"_self\" target=\"_self\" >T-905-05<\/a><\/h4>\n<div class=\"pt-cv-content\">\u00a0 \u00a0 Sentencia T-905\/05 \u00a0 DERECHO A LA SALUD-Criterios para considerarse como fundamental\/DERECHO A LA SEGURIDAD SOCIAL EN SALUD-Presupuestos para su protecci\u00f3n\/SISTEMA DE SEGURIDAD SOCIAL-Prohibici\u00f3n de discriminaci\u00f3n en su acceso\/DERECHO A LA SALUD-Elementos esenciales para su satisfacci\u00f3n \/DERECHO A LA SALUD-Dimensiones en que se desarrolla la accesibilidad \u00a0 Referencia: expediente T-1110552 \u00a0 Acci\u00f3n de tutela instaurada por la se\u00f1ora Esther Vergel Lidua\u00f1as contra Alcald\u00eda Distrital de Barranquilla-Secretar\u00eda de Salud Distrital. \u00a0 Magistrado Ponente:\u00a0 \u00a0 Dr. HUMBERTO ANTONIO SIERRA PORTO \u00a0 Bogot\u00e1, D. C., primero (1\u00b0) de septiembre de dos mil cinco (2005) \u00a0 La Sala S\u00e9ptima de Revisi\u00f3n de la ...<br \/><div class=\"pt-cv-rmwrap\"><a href=\"https:\/\/www.dmsjuridica.com\/buscador_20179478954\/corteconstitucionalcronologico202454587\/t-905-05\/\" class=\"_self pt-cv-readmore btn btn-success\" target=\"_self\">Ver Sentencia Completa...<\/a><\/div><\/div><\/div><\/div>\n<div class=\"col-md-12 col-sm-12 col-xs-12 pt-cv-content-item pt-cv-1-col\" ><div class='pt-cv-ifield'><a href=\"https:\/\/www.dmsjuridica.com\/buscador_20179478954\/corteconstitucionalcronologico202454587\/t-904-05\/\" class=\"_self pt-cv-href-thumbnail pt-cv-thumb-default\" target=\"_self\" ><\/a>\n<div class=\"pt-cv-taxoterm above_title\"><a href='https:\/\/www.dmsjuridica.com\/buscador_20179478954\/corteconstitucionalcronologico202454587\/category\/buscar-en-toda-la-corte\/2005\/tutelas-2005\/' title='Tutelas 2005' class='pt-cv-tax-tutelas-2005'>Tutelas 2005<\/a><\/div>\n<h4 class=\"pt-cv-title\"><a href=\"https:\/\/www.dmsjuridica.com\/buscador_20179478954\/corteconstitucionalcronologico202454587\/t-904-05\/\" class=\"_self\" target=\"_self\" >T-904-05<\/a><\/h4>\n<div class=\"pt-cv-content\">\u00a0 \u00a0 Sentencia T-904\/05 \u00a0 DERECHO A LA SEGURIDAD SOCIAL EN SALUD-Acceso de las personas sin ninguna discriminaci\u00f3n\/ACCION DE TUTELA-Hecho superado por afiliaci\u00f3n a EPS\/DERECHO A LA INFORMACION EN EL SISTEMA DE SALUD-Inclusi\u00f3n inmediata de novedades de los afiliados en la base de datos\u00a0 \u00a0 Referencia: expediente T-1112628 \u00a0 Acci\u00f3n de tutela instaurada por Elvira Rosa Simoniny contra Coomeva E.P.S. \u00a0 Magistrado Ponente: \u00a0 Dr. HUMBERTO ANTONIO SIERRA PORTO. \u00a0 Bogot\u00e1 D. C., primero (1\u00b0) de septiembre de dos mil cinco (2005). \u00a0 La Sala S\u00e9ptima de Revisi\u00f3n de la Corte Constitucional, integrada por los magistrados Clara In\u00e9s Vargas Hern\u00e1ndez, ...<br \/><div class=\"pt-cv-rmwrap\"><a href=\"https:\/\/www.dmsjuridica.com\/buscador_20179478954\/corteconstitucionalcronologico202454587\/t-904-05\/\" class=\"_self pt-cv-readmore btn btn-success\" target=\"_self\">Ver Sentencia Completa...<\/a><\/div><\/div><\/div><\/div>\n<div class=\"col-md-12 col-sm-12 col-xs-12 pt-cv-content-item pt-cv-1-col\" ><div class='pt-cv-ifield'><a href=\"https:\/\/www.dmsjuridica.com\/buscador_20179478954\/corteconstitucionalcronologico202454587\/t-903-05\/\" class=\"_self pt-cv-href-thumbnail pt-cv-thumb-default\" target=\"_self\" ><\/a>\n<div class=\"pt-cv-taxoterm above_title\"><a href='https:\/\/www.dmsjuridica.com\/buscador_20179478954\/corteconstitucionalcronologico202454587\/category\/buscar-en-toda-la-corte\/2005\/tutelas-2005\/' title='Tutelas 2005' class='pt-cv-tax-tutelas-2005'>Tutelas 2005<\/a><\/div>\n<h4 class=\"pt-cv-title\"><a href=\"https:\/\/www.dmsjuridica.com\/buscador_20179478954\/corteconstitucionalcronologico202454587\/t-903-05\/\" class=\"_self\" target=\"_self\" >T-903-05<\/a><\/h4>\n<div class=\"pt-cv-content\">\u00a0 \u00a0 Sentencia T-903\/05 \u00a0 Referencia: expediente: T-1138043 \u00a0 Accionante: Juan Diego Torres Farf\u00e1n \u00a0 Procedencia: Juzgado Cuarenta y Uno Civil Municipal de Bogot\u00e1 \u00a0 Magistrado Ponente:\u00a0 \u00a0 Dr. MARCO GERARDO MONROY CABRA \u00a0 Bogot\u00e1, D. C., primero (1) de septiembre de dos mil cinco (2005) \u00a0 La Sala Sexta de Revisi\u00f3n de la Corte Constitucional, integrada por los Magistrados doctores Humberto Antonio Sierra Porto, \u00c1lvaro Tafur Galvis y Marco Gerardo Monroy Cabra, quien la preside, en ejercicio de sus competencias constitucionales y legales, ha proferido la siguiente \u00a0 SENTENCIA \u00a0 en el proceso de revisi\u00f3n de la tutela T-1\u2019138.043, ...<br \/><div class=\"pt-cv-rmwrap\"><a href=\"https:\/\/www.dmsjuridica.com\/buscador_20179478954\/corteconstitucionalcronologico202454587\/t-903-05\/\" class=\"_self pt-cv-readmore btn btn-success\" target=\"_self\">Ver Sentencia Completa...<\/a><\/div><\/div><\/div><\/div>\n<div class=\"col-md-12 col-sm-12 col-xs-12 pt-cv-content-item pt-cv-1-col\" ><div class='pt-cv-ifield'><a href=\"https:\/\/www.dmsjuridica.com\/buscador_20179478954\/corteconstitucionalcronologico202454587\/t-902-05\/\" class=\"_self pt-cv-href-thumbnail pt-cv-thumb-default\" target=\"_self\" ><\/a>\n<div class=\"pt-cv-taxoterm above_title\"><a href='https:\/\/www.dmsjuridica.com\/buscador_20179478954\/corteconstitucionalcronologico202454587\/category\/buscar-en-toda-la-corte\/2005\/tutelas-2005\/' title='Tutelas 2005' class='pt-cv-tax-tutelas-2005'>Tutelas 2005<\/a><\/div>\n<h4 class=\"pt-cv-title\"><a href=\"https:\/\/www.dmsjuridica.com\/buscador_20179478954\/corteconstitucionalcronologico202454587\/t-902-05\/\" class=\"_self\" target=\"_self\" >T-902-05<\/a><\/h4>\n<div class=\"pt-cv-content\">\u00a0 \u00a0 Sentencia T-902\/05 \u00a0 ACCION DE TUTELA CONTRA PROVIDENCIAS JUDICIALES-Evoluci\u00f3n jurisprudencial\/VIA DE HECHO POR DEFECTO FACTICO-Alcance\/VIA DE HECHO-Defecto f\u00e1ctico por omisi\u00f3n en el decreto y pr\u00e1ctica de pruebas\/VIA DE HECHO-Defecto f\u00e1ctico por no valoraci\u00f3n del acervo probatorio\/VIA DE HECHO-Defecto f\u00e1ctico por valoraci\u00f3n defectuosa del material probatorio\/DEBIDO PROCESO-Vulneraci\u00f3n por defectos en el an\u00e1lisis probatorio \u00a0 Los defectos del an\u00e1lisis probatorio, no menos que la falta de relaci\u00f3n entre lo probado y lo decidido, vulneran de manera ostensible el debido proceso y constituyen irregularidades de tal magnitud que representan v\u00edas de hecho, como ya se indic\u00f3. Es el caso de la ...<br \/><div class=\"pt-cv-rmwrap\"><a href=\"https:\/\/www.dmsjuridica.com\/buscador_20179478954\/corteconstitucionalcronologico202454587\/t-902-05\/\" class=\"_self pt-cv-readmore btn btn-success\" target=\"_self\">Ver Sentencia Completa...<\/a><\/div><\/div><\/div><\/div>\n<div class=\"col-md-12 col-sm-12 col-xs-12 pt-cv-content-item pt-cv-1-col\" ><div class='pt-cv-ifield'><a href=\"https:\/\/www.dmsjuridica.com\/buscador_20179478954\/corteconstitucionalcronologico202454587\/t-900-05\/\" class=\"_self pt-cv-href-thumbnail pt-cv-thumb-default\" target=\"_self\" ><\/a>\n<div class=\"pt-cv-taxoterm above_title\"><a href='https:\/\/www.dmsjuridica.com\/buscador_20179478954\/corteconstitucionalcronologico202454587\/category\/buscar-en-toda-la-corte\/2005\/tutelas-2005\/' title='Tutelas 2005' class='pt-cv-tax-tutelas-2005'>Tutelas 2005<\/a><\/div>\n<h4 class=\"pt-cv-title\"><a href=\"https:\/\/www.dmsjuridica.com\/buscador_20179478954\/corteconstitucionalcronologico202454587\/t-900-05\/\" class=\"_self\" target=\"_self\" >T-900-05<\/a><\/h4>\n<div class=\"pt-cv-content\">\u00a0 \u00a0 Sentencia T-900\/05 \u00a0 PRINCIPIO DE DIGNIDAD HUMANA-Contenido material \u00a0 DERECHOS FUNDAMENTALES DEL INTERNO-L\u00edmites razonables y proporcionales \u00a0 AUTORIDAD ADMINISTRATIVA CARCELARIA Y PENITENCIARIA-Potestad reglamentaria dentro de los par\u00e1metros de la Constituci\u00f3n y la ley colombiana \u00a0 POTESTAD REGLAMENTARIA DE DIRECTOR DE ESTABLECIMIENTO CARCELARIO-Debe basarse en criterios razonables, proporcionales y objetivos \u00a0 ESTABLECIMIENTO CARCELARIO-Suministro peri\u00f3dico de elementos de aseo \u00a0 DIRECTOR DE ESTABLECIMIENTO CARCELARIO-Deber de expedir reglamento acad\u00e9mico\u00a0 \u00a0 Referencia: expedientes T-1136763, T-1140657 y T-1140816 acumulados. \u00a0 Acciones de tutela instauradas por Juan David Su\u00e1rez Zapata y otro, en contra de la Penitenciaria de Valledupar, Franklin Rene Aranda Carrillo y ...<br \/><div class=\"pt-cv-rmwrap\"><a href=\"https:\/\/www.dmsjuridica.com\/buscador_20179478954\/corteconstitucionalcronologico202454587\/t-900-05\/\" class=\"_self pt-cv-readmore btn btn-success\" target=\"_self\">Ver Sentencia Completa...<\/a><\/div><\/div><\/div><\/div>\n<div class=\"col-md-12 col-sm-12 col-xs-12 pt-cv-content-item pt-cv-1-col\" ><div class='pt-cv-ifield'><a href=\"https:\/\/www.dmsjuridica.com\/buscador_20179478954\/corteconstitucionalcronologico202454587\/t-899-05\/\" class=\"_self pt-cv-href-thumbnail pt-cv-thumb-default\" target=\"_self\" ><\/a>\n<div class=\"pt-cv-taxoterm above_title\"><a href='https:\/\/www.dmsjuridica.com\/buscador_20179478954\/corteconstitucionalcronologico202454587\/category\/buscar-en-toda-la-corte\/2005\/tutelas-2005\/' title='Tutelas 2005' class='pt-cv-tax-tutelas-2005'>Tutelas 2005<\/a><\/div>\n<h4 class=\"pt-cv-title\"><a href=\"https:\/\/www.dmsjuridica.com\/buscador_20179478954\/corteconstitucionalcronologico202454587\/t-899-05\/\" class=\"_self\" target=\"_self\" >T-899-05<\/a><\/h4>\n<div class=\"pt-cv-content\">DERECHO A LA EDUCACION-Deber estatal de garantizarlo\/DERECHO A LA EDUCACION-Fundamental de inmediata aplicaci\u00f3n\u00a0 \u00a0 SISTEMA GENERAL DE PARTICIPACIONES DEL SECTOR EDUCATIVO-Conformaci\u00f3n y distribuci\u00f3n \u00a0 SISTEMA GENERAL DE PARTICIPACIONES DEL SECTOR EDUCATIVO-Transferencia de los recursos no puede depender del\u00a0 \u00a0 n\u00famero de estudiantes del establecimiento educativo\u00a0 \u00a0 Se encuentra probado que el Departamento del Putumayo ha recibido las transferencias en materia de educaci\u00f3n, teniendo en cuenta lo dispuesto en la Ley 715 de 2001 y que, de dichos recursos no se ha beneficiado el Centro Educativo Rural Biling\u00fce Inga Col\u00f3n. En oposici\u00f3n a lo anterior, los demandados se\u00f1alan que la raz\u00f3n ...<br \/><div class=\"pt-cv-rmwrap\"><a href=\"https:\/\/www.dmsjuridica.com\/buscador_20179478954\/corteconstitucionalcronologico202454587\/t-899-05\/\" class=\"_self pt-cv-readmore btn btn-success\" target=\"_self\">Ver Sentencia Completa...<\/a><\/div><\/div><\/div><\/div>\n<div class=\"col-md-12 col-sm-12 col-xs-12 pt-cv-content-item pt-cv-1-col\" ><div class='pt-cv-ifield'><a href=\"https:\/\/www.dmsjuridica.com\/buscador_20179478954\/corteconstitucionalcronologico202454587\/t-896-05\/\" class=\"_self pt-cv-href-thumbnail pt-cv-thumb-default\" target=\"_self\" ><\/a>\n<div class=\"pt-cv-taxoterm above_title\"><a href='https:\/\/www.dmsjuridica.com\/buscador_20179478954\/corteconstitucionalcronologico202454587\/category\/buscar-en-toda-la-corte\/2005\/tutelas-2005\/' title='Tutelas 2005' class='pt-cv-tax-tutelas-2005'>Tutelas 2005<\/a><\/div>\n<h4 class=\"pt-cv-title\"><a href=\"https:\/\/www.dmsjuridica.com\/buscador_20179478954\/corteconstitucionalcronologico202454587\/t-896-05\/\" class=\"_self\" target=\"_self\" >T-896-05<\/a><\/h4>\n<div class=\"pt-cv-content\">\u00a0 \u00a0 Sentencia T-896\/05 \u00a0 LEY 546 DE 1999-Doctrina de la Corte Constitucional sobre el art\u00edculo 42 par\u00e1grafo 3 \u00a0 PROCESO EJECUTIVO HIPOTECARIO-Terminaci\u00f3n y archivo de procesos en curso a 31 de diciembre de 1999 una vez efectuada la reliquidaci\u00f3n\/PROCESO EJECUTIVO HIPOTECARIO-Entidad financiera tiene la facultad de iniciar un nuevo proceso si el deudor no acuerda la reestructuraci\u00f3n o incurre en mora \u00a0 Una vez realizada la reliquidaci\u00f3n y encontr\u00e1ndose el cr\u00e9dito representado en UVR y no en UPAC, el juzgado debe de decretar la terminaci\u00f3n y archivo del proceso. Sin embargo, lo anterior no excluye la posibilidad de que ...<br \/><div class=\"pt-cv-rmwrap\"><a href=\"https:\/\/www.dmsjuridica.com\/buscador_20179478954\/corteconstitucionalcronologico202454587\/t-896-05\/\" class=\"_self pt-cv-readmore btn btn-success\" target=\"_self\">Ver Sentencia Completa...<\/a><\/div><\/div><\/div><\/div>\n<div class=\"col-md-12 col-sm-12 col-xs-12 pt-cv-content-item pt-cv-1-col\" ><div class='pt-cv-ifield'><a href=\"https:\/\/www.dmsjuridica.com\/buscador_20179478954\/corteconstitucionalcronologico202454587\/t-895-05\/\" class=\"_self pt-cv-href-thumbnail pt-cv-thumb-default\" target=\"_self\" ><\/a>\n<div class=\"pt-cv-taxoterm above_title\"><a href='https:\/\/www.dmsjuridica.com\/buscador_20179478954\/corteconstitucionalcronologico202454587\/category\/buscar-en-toda-la-corte\/2005\/tutelas-2005\/' title='Tutelas 2005' class='pt-cv-tax-tutelas-2005'>Tutelas 2005<\/a><\/div>\n<h4 class=\"pt-cv-title\"><a href=\"https:\/\/www.dmsjuridica.com\/buscador_20179478954\/corteconstitucionalcronologico202454587\/t-895-05\/\" class=\"_self\" target=\"_self\" >T-895-05<\/a><\/h4>\n<div class=\"pt-cv-content\">\u00a0 \u00a0 Sentencia T-895\/05 \u00a0 DERECHO POLITICO A DESEMPE\u00d1AR CARGOS DE ELECCION POPULAR-Se ejerce en momentos constitucionalmente preestablecidos\u00a0 \u00a0 ACCION DE TUTELA-Procedencia contra decisi\u00f3n de convocar a elecciones\/PERJUICIO IRREMEDIABLE-Se configura frente a decisi\u00f3n de convocar a elecciones\u00a0 \u00a0 En este caso se presentan los requisitos de certeza e inminencia necesarios para la configuraci\u00f3n de un perjuicio irremediable. El municipio se encuentra ya en campa\u00f1a electoral, se acerca el d\u00eda de las elecciones y cada d\u00eda que transcurre hace m\u00e1s patente la amenaza contra los derechos pol\u00edticos del actor y de los electores del municipio. Adem\u00e1s, el perjuicio que causa la ...<br \/><div class=\"pt-cv-rmwrap\"><a href=\"https:\/\/www.dmsjuridica.com\/buscador_20179478954\/corteconstitucionalcronologico202454587\/t-895-05\/\" class=\"_self pt-cv-readmore btn btn-success\" target=\"_self\">Ver Sentencia Completa...<\/a><\/div><\/div><\/div><\/div>\n<div class=\"col-md-12 col-sm-12 col-xs-12 pt-cv-content-item pt-cv-1-col\" ><div class='pt-cv-ifield'><a href=\"https:\/\/www.dmsjuridica.com\/buscador_20179478954\/corteconstitucionalcronologico202454587\/t-894-05\/\" class=\"_self pt-cv-href-thumbnail pt-cv-thumb-default\" target=\"_self\" ><\/a>\n<div class=\"pt-cv-taxoterm above_title\"><a href='https:\/\/www.dmsjuridica.com\/buscador_20179478954\/corteconstitucionalcronologico202454587\/category\/buscar-en-toda-la-corte\/2005\/tutelas-2005\/' title='Tutelas 2005' class='pt-cv-tax-tutelas-2005'>Tutelas 2005<\/a><\/div>\n<h4 class=\"pt-cv-title\"><a href=\"https:\/\/www.dmsjuridica.com\/buscador_20179478954\/corteconstitucionalcronologico202454587\/t-894-05\/\" class=\"_self\" target=\"_self\" >T-894-05<\/a><\/h4>\n<div class=\"pt-cv-content\">\u00a0 \u00a0 Sentencia T-894\/05 \u00a0 DERECHOS DEL NI\u00d1O-Fundamentales y prevalentes \u00a0 DERECHO A LA VIVIENDA DIGNA-Fundamental si vulnera derechos individuales\u00a0 \u00a0 El derecho a disfrutar de una vivienda digna es fundamental, si su no presencia vulnera derechos individuales o subjetivos y fundamentales, gener\u00e1ndose como consecuencia su protecci\u00f3n a trav\u00e9s de la acci\u00f3n de tutela. As\u00ed mismo, se debe aclarar que el derecho a la vivienda digna no comprende \u00fanicamente el derecho a adquirir la propiedad o el dominio sobre un bien inmueble, dicho derecho implica tambi\u00e9n satisfacer la necesidad humana de tener un lugar, sea propio o ajeno, en donde ...<br \/><div class=\"pt-cv-rmwrap\"><a href=\"https:\/\/www.dmsjuridica.com\/buscador_20179478954\/corteconstitucionalcronologico202454587\/t-894-05\/\" class=\"_self pt-cv-readmore btn btn-success\" target=\"_self\">Ver Sentencia Completa...<\/a><\/div><\/div><\/div><\/div>\n<div class=\"col-md-12 col-sm-12 col-xs-12 pt-cv-content-item pt-cv-1-col\" ><div class='pt-cv-ifield'><a href=\"https:\/\/www.dmsjuridica.com\/buscador_20179478954\/corteconstitucionalcronologico202454587\/t-893-05\/\" class=\"_self pt-cv-href-thumbnail pt-cv-thumb-default\" target=\"_self\" ><\/a>\n<div class=\"pt-cv-taxoterm above_title\"><a href='https:\/\/www.dmsjuridica.com\/buscador_20179478954\/corteconstitucionalcronologico202454587\/category\/buscar-en-toda-la-corte\/2005\/tutelas-2005\/' title='Tutelas 2005' class='pt-cv-tax-tutelas-2005'>Tutelas 2005<\/a><\/div>\n<h4 class=\"pt-cv-title\"><a href=\"https:\/\/www.dmsjuridica.com\/buscador_20179478954\/corteconstitucionalcronologico202454587\/t-893-05\/\" class=\"_self\" target=\"_self\" >T-893-05<\/a><\/h4>\n<div class=\"pt-cv-content\">\u00a0 \u00a0 Sentencia T-893\/05 \u00a0 INCAPACIDAD ECONOMICA EN MATERIA DE SALUD-Reglas probatorias que se han establecido\/DERECHO A LA SALUD-No se present\u00f3 violaci\u00f3n por cuanto demandante y su compa\u00f1ero tienen capacidad econ\u00f3mica \u00a0 Una vez examinado el cumplimiento de los requisitos jurisprudenciales, la Sala comparte los argumentos expuestos por los jueces de instancia para denegar la acci\u00f3n de tutela y concluye que la negativa de Cafesalud E.P.S. para autorizar a la demandante el examen de Biopsia Estereot\u00e1xica por estar excluido del POS, es razonada toda vez que la accionante y su compa\u00f1ero permanente cuentan con medios econ\u00f3micos suficientes para sufragarla, sin ...<br \/><div class=\"pt-cv-rmwrap\"><a href=\"https:\/\/www.dmsjuridica.com\/buscador_20179478954\/corteconstitucionalcronologico202454587\/t-893-05\/\" class=\"_self pt-cv-readmore btn btn-success\" target=\"_self\">Ver Sentencia Completa...<\/a><\/div><\/div><\/div><\/div>\n<div class=\"col-md-12 col-sm-12 col-xs-12 pt-cv-content-item pt-cv-1-col\" ><div class='pt-cv-ifield'><a href=\"https:\/\/www.dmsjuridica.com\/buscador_20179478954\/corteconstitucionalcronologico202454587\/t-892-05\/\" class=\"_self pt-cv-href-thumbnail pt-cv-thumb-default\" target=\"_self\" ><\/a>\n<div class=\"pt-cv-taxoterm above_title\"><a href='https:\/\/www.dmsjuridica.com\/buscador_20179478954\/corteconstitucionalcronologico202454587\/category\/buscar-en-toda-la-corte\/2005\/tutelas-2005\/' title='Tutelas 2005' class='pt-cv-tax-tutelas-2005'>Tutelas 2005<\/a><\/div>\n<h4 class=\"pt-cv-title\"><a href=\"https:\/\/www.dmsjuridica.com\/buscador_20179478954\/corteconstitucionalcronologico202454587\/t-892-05\/\" class=\"_self\" target=\"_self\" >T-892-05<\/a><\/h4>\n<div class=\"pt-cv-content\">\u00a0 \u00a0 Sentencia T-892\/05 \u00a0 DERECHO A LA SALUD DE PERSONA DE LA TERCERA EDAD-Protecci\u00f3n especial\/ADMINISTRADORA DEL REGIMEN SUBSIDIADO-Formas de protecci\u00f3n de derechos fundamentales frente a servicios no incluidos en POS-S \u00a0 Entiende la Corte que quien cuenta, desde la perspectiva f\u00e1ctica, con una mayor capacidad de respuesta para suministrar la atenci\u00f3n en salud que requiere la anciana, es la A.R.S. Ecoopsos, debido a que es \u00e9sta la entidad que la ha tenido bajo su responsabilidad y la que le ha brindado la atenci\u00f3n que le corresponde, de acuerdo con el ordenamiento jur\u00eddico. Adem\u00e1s, como se explic\u00f3 en cap\u00edtulo precedente, ...<br \/><div class=\"pt-cv-rmwrap\"><a href=\"https:\/\/www.dmsjuridica.com\/buscador_20179478954\/corteconstitucionalcronologico202454587\/t-892-05\/\" class=\"_self pt-cv-readmore btn btn-success\" target=\"_self\">Ver Sentencia Completa...<\/a><\/div><\/div><\/div><\/div>\n<div class=\"col-md-12 col-sm-12 col-xs-12 pt-cv-content-item pt-cv-1-col\" ><div class='pt-cv-ifield'><a href=\"https:\/\/www.dmsjuridica.com\/buscador_20179478954\/corteconstitucionalcronologico202454587\/t-891-05\/\" class=\"_self pt-cv-href-thumbnail pt-cv-thumb-default\" target=\"_self\" ><\/a>\n<div class=\"pt-cv-taxoterm above_title\"><a href='https:\/\/www.dmsjuridica.com\/buscador_20179478954\/corteconstitucionalcronologico202454587\/category\/buscar-en-toda-la-corte\/2005\/tutelas-2005\/' title='Tutelas 2005' class='pt-cv-tax-tutelas-2005'>Tutelas 2005<\/a><\/div>\n<h4 class=\"pt-cv-title\"><a href=\"https:\/\/www.dmsjuridica.com\/buscador_20179478954\/corteconstitucionalcronologico202454587\/t-891-05\/\" class=\"_self\" target=\"_self\" >T-891-05<\/a><\/h4>\n<div class=\"pt-cv-content\">\u00a0 \u00a0 Sentencia T-891\/05 \u00a0 DERECHO A LA SALUD DEL ENFERMO DE SIDA VINCULADO AL SISTEMA GENERAL DE SEGURIDAD SOCIAL EN SALUD \u00a0 REGIMEN SUBSIDIADO DE SEGURIDAD SOCIAL EN SALUD-Cuando hay contradicci\u00f3n entre los informes del DAPD y del DABS debe primar \u00e9ste \u00faltimo \u00a0 Observa esta Sala una contradicci\u00f3n entre el informe remitido por el Departamento Administrativo de Planeaci\u00f3n Distrital y aquel emitido por la Secretar\u00eda Distrital de Salud, en relaci\u00f3n con la clasificaci\u00f3n socioecon\u00f3mica del demandante. En efecto, el DAPD afirma que el demandante, habiendo obtenido un puntaje de 3.57 en la encuesta que le fuera practicada, se ...<br \/><div class=\"pt-cv-rmwrap\"><a href=\"https:\/\/www.dmsjuridica.com\/buscador_20179478954\/corteconstitucionalcronologico202454587\/t-891-05\/\" class=\"_self pt-cv-readmore btn btn-success\" target=\"_self\">Ver Sentencia Completa...<\/a><\/div><\/div><\/div><\/div>\n<div class=\"col-md-12 col-sm-12 col-xs-12 pt-cv-content-item pt-cv-1-col\" ><div class='pt-cv-ifield'><a href=\"https:\/\/www.dmsjuridica.com\/buscador_20179478954\/corteconstitucionalcronologico202454587\/t-890-05\/\" class=\"_self pt-cv-href-thumbnail pt-cv-thumb-default\" target=\"_self\" ><\/a>\n<div class=\"pt-cv-taxoterm above_title\"><a href='https:\/\/www.dmsjuridica.com\/buscador_20179478954\/corteconstitucionalcronologico202454587\/category\/buscar-en-toda-la-corte\/2005\/tutelas-2005\/' title='Tutelas 2005' class='pt-cv-tax-tutelas-2005'>Tutelas 2005<\/a><\/div>\n<h4 class=\"pt-cv-title\"><a href=\"https:\/\/www.dmsjuridica.com\/buscador_20179478954\/corteconstitucionalcronologico202454587\/t-890-05\/\" class=\"_self\" target=\"_self\" >T-890-05<\/a><\/h4>\n<div class=\"pt-cv-content\">\u00a0 \u00a0 Sentencia T-890\/05 \u00a0 RELACION LABORAL-No se encuentra probada entre los demandantes y los demandados\/CONTRATO REALIDAD-No procede en este caso la aplicaci\u00f3n de esta figura \u00a0 Reiteraci\u00f3n de jurisprudencia \u00a0 Referencia: expediente T-1088382 \u00a0 Acci\u00f3n de tutela instaurada a trav\u00e9s de apoderado judicial por Ana Carlina Barrios Cervantes, F\u00e9lix A. Barrios Cervantes, Xiomara Thomas Gonz\u00e1lez, Jorge E. Arias Jim\u00e9nez, Luis Garc\u00eda Duran, Zuleima Beatriz Escalante Anaya, Mariela de la Hoz M\u00e1rmol, Jos\u00e9 del Carmen Espinoza Hern\u00e1ndez, Aurora Cecilia Morales Romero, Ana Salazar Romero, Darmelys Mar\u00eda Calabria Hern\u00e1ndez, Juan Pertuz Montalban, Luz Marina Bayona Rodr\u00edguez, Mildred Cabarcas Reyes, Beatriz Elena ...<br \/><div class=\"pt-cv-rmwrap\"><a href=\"https:\/\/www.dmsjuridica.com\/buscador_20179478954\/corteconstitucionalcronologico202454587\/t-890-05\/\" class=\"_self pt-cv-readmore btn btn-success\" target=\"_self\">Ver Sentencia Completa...<\/a><\/div><\/div><\/div><\/div>\n<div class=\"col-md-12 col-sm-12 col-xs-12 pt-cv-content-item pt-cv-1-col\" ><div class='pt-cv-ifield'><a href=\"https:\/\/www.dmsjuridica.com\/buscador_20179478954\/corteconstitucionalcronologico202454587\/t-889-05\/\" class=\"_self pt-cv-href-thumbnail pt-cv-thumb-default\" target=\"_self\" ><\/a>\n<div class=\"pt-cv-taxoterm above_title\"><a href='https:\/\/www.dmsjuridica.com\/buscador_20179478954\/corteconstitucionalcronologico202454587\/category\/buscar-en-toda-la-corte\/2005\/tutelas-2005\/' title='Tutelas 2005' class='pt-cv-tax-tutelas-2005'>Tutelas 2005<\/a><\/div>\n<h4 class=\"pt-cv-title\"><a href=\"https:\/\/www.dmsjuridica.com\/buscador_20179478954\/corteconstitucionalcronologico202454587\/t-889-05\/\" class=\"_self\" target=\"_self\" >T-889-05<\/a><\/h4>\n<div class=\"pt-cv-content\">\u00a0 \u00a0 Sentencia T-889\/05 \u00a0 DERECHO A LA ESTABILIDAD LABORAL REFORZADA DE MUJER EMBARAZADA EN EMPRESA TEMPORAL DE SERVICIOS-Protecci\u00f3n \u00a0 MUJER EMBARAZADA EN CONTRATO POR DURACION DE OBRA-Protecci\u00f3n \u00a0 DESPIDO DE MUJER EMBARAZADA-Reintegro al cargo y pago de prestaciones econ\u00f3micas \u00a0 Referencia: expediente T-1069910 \u00a0 Acci\u00f3n de tutela instaurada por Natalia Zapata Zea contra Eficacia S.A. y Gillette De Colombia S.A.\u00a0 \u00a0 Magistrado Ponente: \u00a0 Dr. JAIME ARA\u00daJO RENTER\u00cdA \u00a0 Bogot\u00e1, D. C., veintis\u00e9is ( 26 ) de agosto de dos mil cinco (2005). \u00a0 La Sala Primera de Revisi\u00f3n de la Corte Constitucional, integrada por los Magistrados ALFREDO BELTR\u00c1N ...<br \/><div class=\"pt-cv-rmwrap\"><a href=\"https:\/\/www.dmsjuridica.com\/buscador_20179478954\/corteconstitucionalcronologico202454587\/t-889-05\/\" class=\"_self pt-cv-readmore btn btn-success\" target=\"_self\">Ver Sentencia Completa...<\/a><\/div><\/div><\/div><\/div>\n<div class=\"col-md-12 col-sm-12 col-xs-12 pt-cv-content-item pt-cv-1-col\" ><div class='pt-cv-ifield'><a href=\"https:\/\/www.dmsjuridica.com\/buscador_20179478954\/corteconstitucionalcronologico202454587\/t-888-05\/\" class=\"_self pt-cv-href-thumbnail pt-cv-thumb-default\" target=\"_self\" ><\/a>\n<div class=\"pt-cv-taxoterm above_title\"><a href='https:\/\/www.dmsjuridica.com\/buscador_20179478954\/corteconstitucionalcronologico202454587\/category\/buscar-en-toda-la-corte\/2005\/tutelas-2005\/' title='Tutelas 2005' class='pt-cv-tax-tutelas-2005'>Tutelas 2005<\/a><\/div>\n<h4 class=\"pt-cv-title\"><a href=\"https:\/\/www.dmsjuridica.com\/buscador_20179478954\/corteconstitucionalcronologico202454587\/t-888-05\/\" class=\"_self\" target=\"_self\" >T-888-05<\/a><\/h4>\n<div class=\"pt-cv-content\">\u00a0 \u00a0 Sentencia T-888\/05 \u00a0 ACCION DE TUTELA-Fallecimiento del enfermo \u00a0 MEDIDA DE PROTECCION PROVISIONAL EN TUTELA-Juez no constat\u00f3 cumplimiento de la decisi\u00f3n\/MEDIDA DE PROTECCION PROVISIONAL EN TUTELA-Art\u00edculo 7 del Decreto 2591\/91 \u00a0 No puede la Sala pasar por alto el hecho de que en el presente caso el juez de instancia haya decretado como medida provisional \u201cla pr\u00e1ctica del examen, no obstante, el funcionario judicial no haya constatado el cumplimiento de esa decisi\u00f3n constitucional. De conformidad con lo establecido en el art\u00edculo 7 del Decreto 2591 de 1991, los jueces constitucionales que deciden acciones de tutela tienen la potestad ...<br \/><div class=\"pt-cv-rmwrap\"><a href=\"https:\/\/www.dmsjuridica.com\/buscador_20179478954\/corteconstitucionalcronologico202454587\/t-888-05\/\" class=\"_self pt-cv-readmore btn btn-success\" target=\"_self\">Ver Sentencia Completa...<\/a><\/div><\/div><\/div><\/div>\n<div class=\"col-md-12 col-sm-12 col-xs-12 pt-cv-content-item pt-cv-1-col\" ><div class='pt-cv-ifield'><a href=\"https:\/\/www.dmsjuridica.com\/buscador_20179478954\/corteconstitucionalcronologico202454587\/t-887-05\/\" class=\"_self pt-cv-href-thumbnail pt-cv-thumb-default\" target=\"_self\" ><\/a>\n<div class=\"pt-cv-taxoterm above_title\"><a href='https:\/\/www.dmsjuridica.com\/buscador_20179478954\/corteconstitucionalcronologico202454587\/category\/buscar-en-toda-la-corte\/2005\/tutelas-2005\/' title='Tutelas 2005' class='pt-cv-tax-tutelas-2005'>Tutelas 2005<\/a><\/div>\n<h4 class=\"pt-cv-title\"><a href=\"https:\/\/www.dmsjuridica.com\/buscador_20179478954\/corteconstitucionalcronologico202454587\/t-887-05\/\" class=\"_self\" target=\"_self\" >T-887-05<\/a><\/h4>\n<div class=\"pt-cv-content\">\u00a0 \u00a0 Sentencia T-887\/05 \u00a0 DERECHOS POLITICOS-Contenido y alcance \u00a0 DERECHOS POLITICOS DE LOS CIUDADANOS-No se vulneran cuando se da una inhabilidad sobreviniente como consecuencia de sanci\u00f3n disciplinaria \u00a0 La vulneraci\u00f3n de los derechos pol\u00edticos de los demandantes consagrados en el art\u00edculo 40 C.P. es inexistente. En efecto, la inhabilidad sobreviniente derivada de la sanci\u00f3n impuesta por la Procuradur\u00eda General al ciudadano tuvo lugar con ocasi\u00f3n de las irregularidades advertidas en el tr\u00e1mite contractual entre Ferrov\u00edas y Fenoco S.A., cuando aquel se desempe\u00f1aba como presidente de esa entidad estatal. \u00a0Estas conductas, a juicio de las entidades demandadas, constituyeron falta disciplinaria ...<br \/><div class=\"pt-cv-rmwrap\"><a href=\"https:\/\/www.dmsjuridica.com\/buscador_20179478954\/corteconstitucionalcronologico202454587\/t-887-05\/\" class=\"_self pt-cv-readmore btn btn-success\" target=\"_self\">Ver Sentencia Completa...<\/a><\/div><\/div><\/div><\/div>\n<div class=\"col-md-12 col-sm-12 col-xs-12 pt-cv-content-item pt-cv-1-col\" ><div class='pt-cv-ifield'><a href=\"https:\/\/www.dmsjuridica.com\/buscador_20179478954\/corteconstitucionalcronologico202454587\/t-886-05\/\" class=\"_self pt-cv-href-thumbnail pt-cv-thumb-default\" target=\"_self\" ><\/a>\n<div class=\"pt-cv-taxoterm above_title\"><a href='https:\/\/www.dmsjuridica.com\/buscador_20179478954\/corteconstitucionalcronologico202454587\/category\/buscar-en-toda-la-corte\/2005\/tutelas-2005\/' title='Tutelas 2005' class='pt-cv-tax-tutelas-2005'>Tutelas 2005<\/a><\/div>\n<h4 class=\"pt-cv-title\"><a href=\"https:\/\/www.dmsjuridica.com\/buscador_20179478954\/corteconstitucionalcronologico202454587\/t-886-05\/\" class=\"_self\" target=\"_self\" >T-886-05<\/a><\/h4>\n<div class=\"pt-cv-content\">\u00a0 \u00a0 Sentencia T-886\/05 \u00a0 PROCESO EJECUTIVO-Rechazo de incidente de desembargo \u00a0 ACCION DE TUTELA CONTRA PROVIDENCIAS JUDICIALES-Improcedencia por existencia de mecanismo de defensa judicial\u00a0 \u00a0 Esta Corte ha se\u00f1alado la necesidad de que las partes utilicen dentro de los diferentes procedimientos los recursos que el ordenamiento prev\u00e9, con miras al restablecimiento de los derechos fundamentales conculcados, por ello \u00a0resulta pertinente resaltar que la acci\u00f3n de tutela corrige la arbitrariedad y el capricho del juzgador, siempre que el afectado no haya contribuido a la consumaci\u00f3n de la actuaci\u00f3n inconstitucional. Resulta inadmisible, ha dispuesto la jurisprudencia, premiar con una nueva oportunidad ...<br \/><div class=\"pt-cv-rmwrap\"><a href=\"https:\/\/www.dmsjuridica.com\/buscador_20179478954\/corteconstitucionalcronologico202454587\/t-886-05\/\" class=\"_self pt-cv-readmore btn btn-success\" target=\"_self\">Ver Sentencia Completa...<\/a><\/div><\/div><\/div><\/div>\n<div class=\"col-md-12 col-sm-12 col-xs-12 pt-cv-content-item pt-cv-1-col\" ><div class='pt-cv-ifield'><a href=\"https:\/\/www.dmsjuridica.com\/buscador_20179478954\/corteconstitucionalcronologico202454587\/t-885-05\/\" class=\"_self pt-cv-href-thumbnail pt-cv-thumb-default\" target=\"_self\" ><\/a>\n<div class=\"pt-cv-taxoterm above_title\"><a href='https:\/\/www.dmsjuridica.com\/buscador_20179478954\/corteconstitucionalcronologico202454587\/category\/buscar-en-toda-la-corte\/2005\/tutelas-2005\/' title='Tutelas 2005' class='pt-cv-tax-tutelas-2005'>Tutelas 2005<\/a><\/div>\n<h4 class=\"pt-cv-title\"><a href=\"https:\/\/www.dmsjuridica.com\/buscador_20179478954\/corteconstitucionalcronologico202454587\/t-885-05\/\" class=\"_self\" target=\"_self\" >T-885-05<\/a><\/h4>\n<div class=\"pt-cv-content\">\u00a0 \u00a0 Sentencia T-885\/05 \u00a0 DERECHO A LA SALUD DEL MENOR-No puede negarse atenci\u00f3n argumentando que no cuenta con documento de identidad id\u00f3neo \u00a0 Ninguna instituci\u00f3n de Salud del r\u00e9gimen subsidiado podr\u00e1 negarse, entonces, a dar atenci\u00f3n al menor, escud\u00e1ndose en que \u00e9ste no cuenta con documento de identidad cualificado, porque esta discriminaci\u00f3n atentar\u00eda contra su derecho prevalente a la salud. Igualmente, hay que considerar el derecho a la personalidad jur\u00eddica, que \u00a0se encuentra consagrado en el art\u00edculo 14 de la Constituci\u00f3n. No podr\u00e1n primar, entonces, los formalismos, cuando \u00e9stos impidan el ejercicio pleno de los derechos fundamentales de los ...<br \/><div class=\"pt-cv-rmwrap\"><a href=\"https:\/\/www.dmsjuridica.com\/buscador_20179478954\/corteconstitucionalcronologico202454587\/t-885-05\/\" class=\"_self pt-cv-readmore btn btn-success\" target=\"_self\">Ver Sentencia Completa...<\/a><\/div><\/div><\/div><\/div>\n<div class=\"col-md-12 col-sm-12 col-xs-12 pt-cv-content-item pt-cv-1-col\" ><div class='pt-cv-ifield'><a href=\"https:\/\/www.dmsjuridica.com\/buscador_20179478954\/corteconstitucionalcronologico202454587\/t-884-05\/\" class=\"_self pt-cv-href-thumbnail pt-cv-thumb-default\" target=\"_self\" ><\/a>\n<div class=\"pt-cv-taxoterm above_title\"><a href='https:\/\/www.dmsjuridica.com\/buscador_20179478954\/corteconstitucionalcronologico202454587\/category\/buscar-en-toda-la-corte\/2005\/tutelas-2005\/' title='Tutelas 2005' class='pt-cv-tax-tutelas-2005'>Tutelas 2005<\/a><\/div>\n<h4 class=\"pt-cv-title\"><a href=\"https:\/\/www.dmsjuridica.com\/buscador_20179478954\/corteconstitucionalcronologico202454587\/t-884-05\/\" class=\"_self\" target=\"_self\" >T-884-05<\/a><\/h4>\n<div class=\"pt-cv-content\">\u00a0 \u00a0 Sentencia T-884\/05 \u00a0 BENEFICIO DE JUBILACION ANTICIPADA PREVISTO EN CONVENCION COLECTIVA-Improcedencia de tutela para resolver conflictos de interpretaci\u00f3n \u00a0 Salvo en aquellos casos excepcionales en el que el actor acredite la irremediable afectaci\u00f3n de sus derechos fundamentales, la jurisprudencia constitucional ha considerado que la acci\u00f3n de tutela no es el mecanismo judicial apto para pronunciarse en relaci\u00f3n con el contenido, cumplimiento y vigencia de las convenciones colectivas, en raz\u00f3n a la eficacia material del medio ordinario de defensa judicial a disposici\u00f3n del afectado. \u00a0 \u00a0 \u00a0 PERJUICIO IRREMEDIABLE-Inexistencia por desempe\u00f1ar actualmente cargo como trabajadora oficial con un contrato ...<br \/><div class=\"pt-cv-rmwrap\"><a href=\"https:\/\/www.dmsjuridica.com\/buscador_20179478954\/corteconstitucionalcronologico202454587\/t-884-05\/\" class=\"_self pt-cv-readmore btn btn-success\" target=\"_self\">Ver Sentencia Completa...<\/a><\/div><\/div><\/div><\/div>\n<div class=\"col-md-12 col-sm-12 col-xs-12 pt-cv-content-item pt-cv-1-col\" ><div class='pt-cv-ifield'><a href=\"https:\/\/www.dmsjuridica.com\/buscador_20179478954\/corteconstitucionalcronologico202454587\/t-883-05\/\" class=\"_self pt-cv-href-thumbnail pt-cv-thumb-default\" target=\"_self\" ><\/a>\n<div class=\"pt-cv-taxoterm above_title\"><a href='https:\/\/www.dmsjuridica.com\/buscador_20179478954\/corteconstitucionalcronologico202454587\/category\/buscar-en-toda-la-corte\/2005\/tutelas-2005\/' title='Tutelas 2005' class='pt-cv-tax-tutelas-2005'>Tutelas 2005<\/a><\/div>\n<h4 class=\"pt-cv-title\"><a href=\"https:\/\/www.dmsjuridica.com\/buscador_20179478954\/corteconstitucionalcronologico202454587\/t-883-05\/\" class=\"_self\" target=\"_self\" >T-883-05<\/a><\/h4>\n<div class=\"pt-cv-content\">\u00a0 \u00a0 Sentencia T-883\/05 \u00a0 ACCION DE TUTELA CONTRA ORGANIZACIONES INTERNACIONALES \u00a0 ORGANIZACION INTERNACIONAL-No es autoridad p\u00fablica y sus actuaciones son asimilables a las de los particulares \u00a0 A partir de la definici\u00f3n de autoridad publica en sentido objetivo, como la potestad de que se halla investida una persona, que proviene del Estado y que comporta la obligatoriedad de sus decisiones para quienes se encuentran subordinados a ella, resulta claro que no puede afirmarse que las organizaciones internacionales sean autoridades p\u00fablicas, ya que no ejercen ning\u00fan tipo de imperio o poder\u00edo sobre los ciudadanos, elemento definitorio de quien, se dice, ...<br \/><div class=\"pt-cv-rmwrap\"><a href=\"https:\/\/www.dmsjuridica.com\/buscador_20179478954\/corteconstitucionalcronologico202454587\/t-883-05\/\" class=\"_self pt-cv-readmore btn btn-success\" target=\"_self\">Ver Sentencia Completa...<\/a><\/div><\/div><\/div><\/div>\n<div class=\"col-md-12 col-sm-12 col-xs-12 pt-cv-content-item pt-cv-1-col\" ><div class='pt-cv-ifield'><a href=\"https:\/\/www.dmsjuridica.com\/buscador_20179478954\/corteconstitucionalcronologico202454587\/t-882-05\/\" class=\"_self pt-cv-href-thumbnail pt-cv-thumb-default\" target=\"_self\" ><\/a>\n<div class=\"pt-cv-taxoterm above_title\"><a href='https:\/\/www.dmsjuridica.com\/buscador_20179478954\/corteconstitucionalcronologico202454587\/category\/buscar-en-toda-la-corte\/2005\/tutelas-2005\/' title='Tutelas 2005' class='pt-cv-tax-tutelas-2005'>Tutelas 2005<\/a><\/div>\n<h4 class=\"pt-cv-title\"><a href=\"https:\/\/www.dmsjuridica.com\/buscador_20179478954\/corteconstitucionalcronologico202454587\/t-882-05\/\" class=\"_self\" target=\"_self\" >T-882-05<\/a><\/h4>\n<div class=\"pt-cv-content\">\u00a0 \u00a0 Sentencia T-882\/05 \u00a0 REGISTRO UNICO DE POBLACION DESPLAZADA-Funci\u00f3n\u00a0 \u00a0 DESPLAZAMIENTO FORZADO-Consecuencias\/DESPLAZAMIENTO FORZADO-Vulneraci\u00f3n m\u00faltiple, masiva y continua de derechos fundamentales \u00a0 DESPLAZAMIENTO FORZADO-Situaci\u00f3n de hecho \u00a0 DERECHOS DERIVADOS DE LA CONDICION DE DESPLAZADO\/ESTADO-Debe garantizar atenci\u00f3n de personas desplazadas \u00a0 DERECHO A LA VERDAD-Esclarecimiento de las circunstancias del desplazamiento \u00a0 DESPLAZAMIENTO FORZADO-Indicios como elemento probatorio \u00a0 Referencia: expediente T-1105841 \u00a0 Acci\u00f3n de tutela instaurada por Norbey Estrada Tapiero contra la Presidencia de la Rep\u00fablica, Red de Solidaridad Social, Unidad Territorial Caquet\u00e1\u00a0 \u00a0 Magistrado Ponente: \u00a0 Dr. ALVARO TAFUR GALVIS \u00a0 Bogot\u00e1, D. C. veinticinco (25) de agosto de dos mil ...<br \/><div class=\"pt-cv-rmwrap\"><a href=\"https:\/\/www.dmsjuridica.com\/buscador_20179478954\/corteconstitucionalcronologico202454587\/t-882-05\/\" class=\"_self pt-cv-readmore btn btn-success\" target=\"_self\">Ver Sentencia Completa...<\/a><\/div><\/div><\/div><\/div>\n<div class=\"col-md-12 col-sm-12 col-xs-12 pt-cv-content-item pt-cv-1-col\" ><div class='pt-cv-ifield'><a href=\"https:\/\/www.dmsjuridica.com\/buscador_20179478954\/corteconstitucionalcronologico202454587\/t-873-05\/\" class=\"_self pt-cv-href-thumbnail pt-cv-thumb-default\" target=\"_self\" ><\/a>\n<div class=\"pt-cv-taxoterm above_title\"><a href='https:\/\/www.dmsjuridica.com\/buscador_20179478954\/corteconstitucionalcronologico202454587\/category\/buscar-en-toda-la-corte\/2005\/tutelas-2005\/' title='Tutelas 2005' class='pt-cv-tax-tutelas-2005'>Tutelas 2005<\/a><\/div>\n<h4 class=\"pt-cv-title\"><a href=\"https:\/\/www.dmsjuridica.com\/buscador_20179478954\/corteconstitucionalcronologico202454587\/t-873-05\/\" class=\"_self\" target=\"_self\" >T-873-05<\/a><\/h4>\n<div class=\"pt-cv-content\">\u00a0 \u00a0 Sentencia T-873\/05 \u00a0 COOPERATIVAS DE TRABAJO ASOCIADO Y DESPIDO DE MUJER EMBARAZADA-Existencia de relaci\u00f3n entre Cooperativas y Cooperada no excluye relaci\u00f3n laboral \u00a0 DERECHO A LA ESTABILIDAD LABORAL REFORZADA DE MUJER EMBARAZADA-Contrato con una cooperativa para trabajar \u00a0 PRINCIPIO DE PRIMACIA DE LA REALIDAD SOBRE FORMALIDADES EN RELACIONES LABORALES-Elementos probatorios \u00a0 Tal como lo ha dicho la jurisprudencia de esta Corporaci\u00f3n, la vinculaci\u00f3n formal a una cooperativa de trabajo asociado no excluye que en la pr\u00e1ctica, entre \u00e9sta y el trabajador asociado surja una relaci\u00f3n laboral. Esto sucede cuando a pesar de las formalidades, la cooperativa establece una ...<br \/><div class=\"pt-cv-rmwrap\"><a href=\"https:\/\/www.dmsjuridica.com\/buscador_20179478954\/corteconstitucionalcronologico202454587\/t-873-05\/\" class=\"_self pt-cv-readmore btn btn-success\" target=\"_self\">Ver Sentencia Completa...<\/a><\/div><\/div><\/div><\/div>\n<div class=\"col-md-12 col-sm-12 col-xs-12 pt-cv-content-item pt-cv-1-col\" ><div class='pt-cv-ifield'><a href=\"https:\/\/www.dmsjuridica.com\/buscador_20179478954\/corteconstitucionalcronologico202454587\/t-872-05\/\" class=\"_self pt-cv-href-thumbnail pt-cv-thumb-default\" target=\"_self\" ><\/a>\n<div class=\"pt-cv-taxoterm above_title\"><a href='https:\/\/www.dmsjuridica.com\/buscador_20179478954\/corteconstitucionalcronologico202454587\/category\/buscar-en-toda-la-corte\/2005\/tutelas-2005\/' title='Tutelas 2005' class='pt-cv-tax-tutelas-2005'>Tutelas 2005<\/a><\/div>\n<h4 class=\"pt-cv-title\"><a href=\"https:\/\/www.dmsjuridica.com\/buscador_20179478954\/corteconstitucionalcronologico202454587\/t-872-05\/\" class=\"_self\" target=\"_self\" >T-872-05<\/a><\/h4>\n<div class=\"pt-cv-content\">\u00a0 \u00a0 Sentencia T-872\/05 \u00a0 DERECHO A LA SALUD-Casos en que se desconoce en conexidad con vida e integridad cuando servicio m\u00e9dico no est\u00e1 incluido en el POS \u00a0 Cuando (i) la falta del servicio m\u00e9dico vulnera o amenaza los derechos a la vida y a la integridad personal de quien lo requiere; \u00a0(ii) el servicio no puede ser sustituido por otro que se encuentre incluido en el plan obligatorio y que tenga el mismo nivel de efectividad; \u00a0(iii) el interesado no puede directamente costearlo, ni las sumas que la entidad encargada de garantizar la prestaci\u00f3n del servicio se encuentra ...<br \/><div class=\"pt-cv-rmwrap\"><a href=\"https:\/\/www.dmsjuridica.com\/buscador_20179478954\/corteconstitucionalcronologico202454587\/t-872-05\/\" class=\"_self pt-cv-readmore btn btn-success\" target=\"_self\">Ver Sentencia Completa...<\/a><\/div><\/div><\/div><\/div>\n<div class=\"col-md-12 col-sm-12 col-xs-12 pt-cv-content-item pt-cv-1-col\" ><div class='pt-cv-ifield'><a href=\"https:\/\/www.dmsjuridica.com\/buscador_20179478954\/corteconstitucionalcronologico202454587\/t-871-05\/\" class=\"_self pt-cv-href-thumbnail pt-cv-thumb-default\" target=\"_self\" ><\/a>\n<div class=\"pt-cv-taxoterm above_title\"><a href='https:\/\/www.dmsjuridica.com\/buscador_20179478954\/corteconstitucionalcronologico202454587\/category\/buscar-en-toda-la-corte\/2005\/tutelas-2005\/' title='Tutelas 2005' class='pt-cv-tax-tutelas-2005'>Tutelas 2005<\/a><\/div>\n<h4 class=\"pt-cv-title\"><a href=\"https:\/\/www.dmsjuridica.com\/buscador_20179478954\/corteconstitucionalcronologico202454587\/t-871-05\/\" class=\"_self\" target=\"_self\" >T-871-05<\/a><\/h4>\n<div class=\"pt-cv-content\">\u00a0 \u00a0 Sentencia T-871\/05 \u00a0 PENSION DE INVALIDEZ-Procedencia de tutela para reconocimiento y pago \u00a0 En el evento en que el no reconocimiento y pago de las mesadas pensionales, derivadas de una pensi\u00f3n de invalidez, afecten derechos fundamentales tales como la vida en condiciones dignas, la igualdad y el trabajo entre otros derechos, se hace viable la protecci\u00f3n a trav\u00e9s de la acci\u00f3n de tutela. \u00a0No debe olvidarse que las personas que sufren una disminuci\u00f3n f\u00edsica o ps\u00edquica se encuentran en una condici\u00f3n de discapacidad, por lo que sus derechos gozan de una protecci\u00f3n constitucional reforzada (art\u00edculo 47 de la ...<br \/><div class=\"pt-cv-rmwrap\"><a href=\"https:\/\/www.dmsjuridica.com\/buscador_20179478954\/corteconstitucionalcronologico202454587\/t-871-05\/\" class=\"_self pt-cv-readmore btn btn-success\" target=\"_self\">Ver Sentencia Completa...<\/a><\/div><\/div><\/div><\/div>\n<div class=\"col-md-12 col-sm-12 col-xs-12 pt-cv-content-item pt-cv-1-col\" ><div class='pt-cv-ifield'><a href=\"https:\/\/www.dmsjuridica.com\/buscador_20179478954\/corteconstitucionalcronologico202454587\/t-870-05\/\" class=\"_self pt-cv-href-thumbnail pt-cv-thumb-default\" target=\"_self\" ><\/a>\n<div class=\"pt-cv-taxoterm above_title\"><a href='https:\/\/www.dmsjuridica.com\/buscador_20179478954\/corteconstitucionalcronologico202454587\/category\/buscar-en-toda-la-corte\/2005\/tutelas-2005\/' title='Tutelas 2005' class='pt-cv-tax-tutelas-2005'>Tutelas 2005<\/a><\/div>\n<h4 class=\"pt-cv-title\"><a href=\"https:\/\/www.dmsjuridica.com\/buscador_20179478954\/corteconstitucionalcronologico202454587\/t-870-05\/\" class=\"_self\" target=\"_self\" >T-870-05<\/a><\/h4>\n<div class=\"pt-cv-content\">\u00a0 \u00a0 Sentencia T-870\/05 \u00a0 ALCALDE-Periodo institucional estipulado por el Acto legislativo 02 de 2002\/PERIODO ATIPICO DE ALCALDE \u00a0 Si bien es cierto que en distintos documentos relacionados con la elecci\u00f3n del alcalde de Becerril se anot\u00f3 que el nuevo mandatario gobernar\u00eda entre 2004 y 2007, tambi\u00e9n es verdad que distintas autoridades nacionales hab\u00edan advertido, antes y despu\u00e9s de la elecci\u00f3n, que los nuevos alcaldes elegidos en los municipios con per\u00edodos at\u00edpicos deb\u00edan regirse por el inciso primero del art\u00edculo 7 del Acto Legislativo 02 de 2002 y que ello implicaba que se posesionaran inmediatamente despu\u00e9s de que venciera el ...<br \/><div class=\"pt-cv-rmwrap\"><a href=\"https:\/\/www.dmsjuridica.com\/buscador_20179478954\/corteconstitucionalcronologico202454587\/t-870-05\/\" class=\"_self pt-cv-readmore btn btn-success\" target=\"_self\">Ver Sentencia Completa...<\/a><\/div><\/div><\/div><\/div>\n<div class=\"col-md-12 col-sm-12 col-xs-12 pt-cv-content-item pt-cv-1-col\" ><div class='pt-cv-ifield'><a href=\"https:\/\/www.dmsjuridica.com\/buscador_20179478954\/corteconstitucionalcronologico202454587\/t-869-05\/\" class=\"_self pt-cv-href-thumbnail pt-cv-thumb-default\" target=\"_self\" ><\/a>\n<div class=\"pt-cv-taxoterm above_title\"><a href='https:\/\/www.dmsjuridica.com\/buscador_20179478954\/corteconstitucionalcronologico202454587\/category\/buscar-en-toda-la-corte\/2005\/tutelas-2005\/' title='Tutelas 2005' class='pt-cv-tax-tutelas-2005'>Tutelas 2005<\/a><\/div>\n<h4 class=\"pt-cv-title\"><a href=\"https:\/\/www.dmsjuridica.com\/buscador_20179478954\/corteconstitucionalcronologico202454587\/t-869-05\/\" class=\"_self\" target=\"_self\" >T-869-05<\/a><\/h4>\n<div class=\"pt-cv-content\">\u00a0 \u00a0 Sentencia T-869\/05 \u00a0 DERECHO A LA SALUD-Suministro de medicamentos excluidos del POS \u00a0 Las EPS est\u00e1n en la obligaci\u00f3n de suministrar a sus afiliados los medicamentos excluidos del Plan Obligatorio de Salud, inaplicando la legislaci\u00f3n vigente que los faculta para exonerarse de cumplir con dicha obligaci\u00f3n siempre y cuando en cada caso en concreto se verifiquen las condiciones determinadas por la jurisprudencia constitucional, A saber: - Que la falta del medicamento o tratamiento excluido por la reglamentaci\u00f3n legal o administrativa amenace los derechos constitucionales fundamentales a la vida, a la integridad personal del interesado o a la vida ...<br \/><div class=\"pt-cv-rmwrap\"><a href=\"https:\/\/www.dmsjuridica.com\/buscador_20179478954\/corteconstitucionalcronologico202454587\/t-869-05\/\" class=\"_self pt-cv-readmore btn btn-success\" target=\"_self\">Ver Sentencia Completa...<\/a><\/div><\/div><\/div><\/div>\n<div class=\"col-md-12 col-sm-12 col-xs-12 pt-cv-content-item pt-cv-1-col\" ><div class='pt-cv-ifield'><a href=\"https:\/\/www.dmsjuridica.com\/buscador_20179478954\/corteconstitucionalcronologico202454587\/t-868-05\/\" class=\"_self pt-cv-href-thumbnail pt-cv-thumb-default\" target=\"_self\" ><\/a>\n<div class=\"pt-cv-taxoterm above_title\"><a href='https:\/\/www.dmsjuridica.com\/buscador_20179478954\/corteconstitucionalcronologico202454587\/category\/buscar-en-toda-la-corte\/2005\/tutelas-2005\/' title='Tutelas 2005' class='pt-cv-tax-tutelas-2005'>Tutelas 2005<\/a><\/div>\n<h4 class=\"pt-cv-title\"><a href=\"https:\/\/www.dmsjuridica.com\/buscador_20179478954\/corteconstitucionalcronologico202454587\/t-868-05\/\" class=\"_self\" target=\"_self\" >T-868-05<\/a><\/h4>\n<div class=\"pt-cv-content\">\u00a0 \u00a0 Sentencia T-868\/05 \u00a0 DERECHO A LA SALUD DE PERSONA DE LA TERCERA EDAD-Suministro de aud\u00edfonos \u00a0 DERECHO A LA SALUD DE PERSONA DE LA TERCERA EDAD-Suministro de aud\u00edfonos por cuanto se desvirtuaron pruebas sobre capacidad econ\u00f3mica para adquirirlos \u00a0 Reiteraci\u00f3n de Jurisprudencia \u00a0 Referencia: expediente T-1106453 \u00a0 Acci\u00f3n de tutela instaurada por Zoila Rosa Delgado de Ortega contra Saludcoop E.P.S. \u00a0 Magistrada Ponente: \u00a0 Dra. CLARA IN\u00c9S VARGAS HERN\u00c1NDEZ \u00a0 Bogot\u00e1, D. C., dieciocho (18) de agosto de dos mil cinco (2005). \u00a0 La Sala Novena de Revisi\u00f3n de Tutelas de la Corte Constitucional, conformada por los Magistrados ...<br \/><div class=\"pt-cv-rmwrap\"><a href=\"https:\/\/www.dmsjuridica.com\/buscador_20179478954\/corteconstitucionalcronologico202454587\/t-868-05\/\" class=\"_self pt-cv-readmore btn btn-success\" target=\"_self\">Ver Sentencia Completa...<\/a><\/div><\/div><\/div><\/div>\n<div class=\"col-md-12 col-sm-12 col-xs-12 pt-cv-content-item pt-cv-1-col\" ><div class='pt-cv-ifield'><a href=\"https:\/\/www.dmsjuridica.com\/buscador_20179478954\/corteconstitucionalcronologico202454587\/t-867-05\/\" class=\"_self pt-cv-href-thumbnail pt-cv-thumb-default\" target=\"_self\" ><\/a>\n<div class=\"pt-cv-taxoterm above_title\"><a href='https:\/\/www.dmsjuridica.com\/buscador_20179478954\/corteconstitucionalcronologico202454587\/category\/buscar-en-toda-la-corte\/2005\/tutelas-2005\/' title='Tutelas 2005' class='pt-cv-tax-tutelas-2005'>Tutelas 2005<\/a><\/div>\n<h4 class=\"pt-cv-title\"><a href=\"https:\/\/www.dmsjuridica.com\/buscador_20179478954\/corteconstitucionalcronologico202454587\/t-867-05\/\" class=\"_self\" target=\"_self\" >T-867-05<\/a><\/h4>\n<div class=\"pt-cv-content\">\u00a0 \u00a0 Sentencia T-867\/05 \u00a0 ACCION DE TUTELA-Improcedencia para ordenar reconocimiento de pensiones\/ACCION DE TUTELA TRANSITORIA PARA RELIQUIDACION PENSIONAL-Existencia de perjuicio irremediable \u00a0 DERECHO A LA IGUALDAD EN PENSION DE FUNCIONARIOS DE PLANTA EXTERNA DEL MINISTERIO DE RELACIONES EXTERIORES-Trato discriminatorio por c\u00e1lculo de manera distinta al resto de servidores p\u00fablicos \u00a0 REGIMEN PRESTACIONAL DE FUNCIONARIOS VINCULADOS AL SERVICIO DIPLOMATICO \u00a0 Referencia: expediente T-974120 \u00a0 Acci\u00f3n de tutela de la se\u00f1ora Fanny Margarita Moncayo Duque, contra la Caja Nacional de Previsi\u00f3n Social.\u00a0 \u00a0 Magistrada Ponente:\u00a0 \u00a0 Dra. CLARA IN\u00c9S VARGAS HERN\u00c1NDEZ. \u00a0 Bogot\u00e1, D. C., dieciocho (18) de agosto de dos ...<br \/><div class=\"pt-cv-rmwrap\"><a href=\"https:\/\/www.dmsjuridica.com\/buscador_20179478954\/corteconstitucionalcronologico202454587\/t-867-05\/\" class=\"_self pt-cv-readmore btn btn-success\" target=\"_self\">Ver Sentencia Completa...<\/a><\/div><\/div><\/div><\/div>\n<div class=\"col-md-12 col-sm-12 col-xs-12 pt-cv-content-item pt-cv-1-col\" ><div class='pt-cv-ifield'><a href=\"https:\/\/www.dmsjuridica.com\/buscador_20179478954\/corteconstitucionalcronologico202454587\/t-866-05\/\" class=\"_self pt-cv-href-thumbnail pt-cv-thumb-default\" target=\"_self\" ><\/a>\n<div class=\"pt-cv-taxoterm above_title\"><a href='https:\/\/www.dmsjuridica.com\/buscador_20179478954\/corteconstitucionalcronologico202454587\/category\/buscar-en-toda-la-corte\/2005\/tutelas-2005\/' title='Tutelas 2005' class='pt-cv-tax-tutelas-2005'>Tutelas 2005<\/a><\/div>\n<h4 class=\"pt-cv-title\"><a href=\"https:\/\/www.dmsjuridica.com\/buscador_20179478954\/corteconstitucionalcronologico202454587\/t-866-05\/\" class=\"_self\" target=\"_self\" >T-866-05<\/a><\/h4>\n<div class=\"pt-cv-content\">\u00a0 \u00a0 Sentencia T-866\/05 \u00a0 DERECHO A LA ESTABILIDAD LABORAL REFORZADA DE MUJER EMBARAZADA-Car\u00e1cter fundamental \u00a0 MADRE CABEZA DE FAMILIA-Presupuestos legales y jurisprudenciales para que una mujer sea considerada como tal \u00a0 PROCESO DE REESTRUCTURACION ADMINISTRATIVA DE ENTIDADES DEL ESTADO-Fundamentos \u00a0 ESTABILIDAD LABORAL DE MADRE CABEZA DE FAMILIA-Protecci\u00f3n especial a trabajadoras en condiciones de debilidad manifiesta\/MADRE CABEZA DE FAMILIA-Indemnizaci\u00f3n \u00faltima alternativa en procesos de reestructuraci\u00f3n \u00a0 MADRE CABEZA DE FAMILIA-Limitaci\u00f3n a la protecci\u00f3n reforzada fijada en la ley 813 de 2003 declarada inconstitucional por la sentencia C-991 de 2004\/PROTECCI\u00d3N CONSTITUCIONAL DE MADRE CABEZA DE FAMILIA-Vulneraci\u00f3n por establecerle l\u00edmite temporal \u00a0 ...<br \/><div class=\"pt-cv-rmwrap\"><a href=\"https:\/\/www.dmsjuridica.com\/buscador_20179478954\/corteconstitucionalcronologico202454587\/t-866-05\/\" class=\"_self pt-cv-readmore btn btn-success\" target=\"_self\">Ver Sentencia Completa...<\/a><\/div><\/div><\/div><\/div>\n<div class=\"col-md-12 col-sm-12 col-xs-12 pt-cv-content-item pt-cv-1-col\" ><div class='pt-cv-ifield'><a href=\"https:\/\/www.dmsjuridica.com\/buscador_20179478954\/corteconstitucionalcronologico202454587\/t-865-05\/\" class=\"_self pt-cv-href-thumbnail pt-cv-thumb-default\" target=\"_self\" ><\/a>\n<div class=\"pt-cv-taxoterm above_title\"><a href='https:\/\/www.dmsjuridica.com\/buscador_20179478954\/corteconstitucionalcronologico202454587\/category\/buscar-en-toda-la-corte\/2005\/tutelas-2005\/' title='Tutelas 2005' class='pt-cv-tax-tutelas-2005'>Tutelas 2005<\/a><\/div>\n<h4 class=\"pt-cv-title\"><a href=\"https:\/\/www.dmsjuridica.com\/buscador_20179478954\/corteconstitucionalcronologico202454587\/t-865-05\/\" class=\"_self\" target=\"_self\" >T-865-05<\/a><\/h4>\n<div class=\"pt-cv-content\">\u00a0 \u00a0 Sentencia T-865\/05 \u00a0 DERECHO A LA SALUD-Deberes de aliviar sufrimiento del paciente, suministrar informaci\u00f3n y respetar decisiones \u00a0 CONSENTIMIENTO INFORMADO DEL PACIENTE-Elecci\u00f3n de tratamiento m\u00e1s adecuado \u00a0 DERECHO A LA SALUD-Eficacia de procedimientos m\u00e9dicos no le corresponde al juez establecerla \u00a0 Referencia: expediente T-1144522 \u00a0 Acci\u00f3n de tutela instaurada por Efr\u00e9n Quiguan\u00e1s Valencia contra el Seguro Social EPS Seccional Valle del Cauca\u00a0 \u00a0 Magistrado Ponente: \u00a0 Bogot\u00e1, D. C., dieciocho (18) de agosto de dos mil cinco (2005). \u00a0 La Sala Octava de Revisi\u00f3n de la Corte Constitucional, integrada por los magistrados Jaime Araujo Renter\u00eda, Clara In\u00e9s Vargas ...<br \/><div class=\"pt-cv-rmwrap\"><a href=\"https:\/\/www.dmsjuridica.com\/buscador_20179478954\/corteconstitucionalcronologico202454587\/t-865-05\/\" class=\"_self pt-cv-readmore btn btn-success\" target=\"_self\">Ver Sentencia Completa...<\/a><\/div><\/div><\/div><\/div>\n<div class=\"col-md-12 col-sm-12 col-xs-12 pt-cv-content-item pt-cv-1-col\" ><div class='pt-cv-ifield'><a href=\"https:\/\/www.dmsjuridica.com\/buscador_20179478954\/corteconstitucionalcronologico202454587\/t-864-05\/\" class=\"_self pt-cv-href-thumbnail pt-cv-thumb-default\" target=\"_self\" ><\/a>\n<div class=\"pt-cv-taxoterm above_title\"><a href='https:\/\/www.dmsjuridica.com\/buscador_20179478954\/corteconstitucionalcronologico202454587\/category\/buscar-en-toda-la-corte\/2005\/tutelas-2005\/' title='Tutelas 2005' class='pt-cv-tax-tutelas-2005'>Tutelas 2005<\/a><\/div>\n<h4 class=\"pt-cv-title\"><a href=\"https:\/\/www.dmsjuridica.com\/buscador_20179478954\/corteconstitucionalcronologico202454587\/t-864-05\/\" class=\"_self\" target=\"_self\" >T-864-05<\/a><\/h4>\n<div class=\"pt-cv-content\">\u00a0 \u00a0 Sentencia T-864\/05 \u00a0 INTERES SUPERIOR DEL MENOR-Contenido \u00a0 PROCURADURIA GENERAL DE LA NACION-Autoridad competente para investigar las quejas presentadas contra un docente \u00a0 No hay prueba de que se hubiera dado traslado de las quejas a la Procuradur\u00eda General de la Naci\u00f3n, que es la autoridad competente para adelantar la investigaci\u00f3n de naturaleza disciplinaria en contra del docente y, de esa manera, agilizar las acciones tendientes a proteger los derechos fundamentales presuntamente vulnerados a la menor representada por su madre en el proceso de tutela, como quiera que dentro de ese procedimiento existe la posibilidad de aplicar la ...<br \/><div class=\"pt-cv-rmwrap\"><a href=\"https:\/\/www.dmsjuridica.com\/buscador_20179478954\/corteconstitucionalcronologico202454587\/t-864-05\/\" class=\"_self pt-cv-readmore btn btn-success\" target=\"_self\">Ver Sentencia Completa...<\/a><\/div><\/div><\/div><\/div>\n<div class=\"col-md-12 col-sm-12 col-xs-12 pt-cv-content-item pt-cv-1-col\" ><div class='pt-cv-ifield'><a href=\"https:\/\/www.dmsjuridica.com\/buscador_20179478954\/corteconstitucionalcronologico202454587\/t-863-05\/\" class=\"_self pt-cv-href-thumbnail pt-cv-thumb-default\" target=\"_self\" ><\/a>\n<div class=\"pt-cv-taxoterm above_title\"><a href='https:\/\/www.dmsjuridica.com\/buscador_20179478954\/corteconstitucionalcronologico202454587\/category\/buscar-en-toda-la-corte\/2005\/tutelas-2005\/' title='Tutelas 2005' class='pt-cv-tax-tutelas-2005'>Tutelas 2005<\/a><\/div>\n<h4 class=\"pt-cv-title\"><a href=\"https:\/\/www.dmsjuridica.com\/buscador_20179478954\/corteconstitucionalcronologico202454587\/t-863-05\/\" class=\"_self\" target=\"_self\" >T-863-05<\/a><\/h4>\n<div class=\"pt-cv-content\">\u00a0 \u00a0 Sentencia T-863\/05 \u00a0 ACCION DE TUTELA CONTRA ENTIDAD FINANCIERA-Procedencia excepcional \u00a0 ENTIDAD BANCARIA-Abuso de su posici\u00f3n dominante \u00a0 Referencia: expediente T-1101324 \u00a0 Acci\u00f3n de tutela instaurada por Ana Irene Hern\u00e1ndez de Echeverry y Cornelio Echeverry Mar\u00edn contra el Banco Granahorrar S.A. y otros \u00a0 Magistrado Ponente: \u00a0 Dr. ALVARO TAFUR GALVIS\u00a0 \u00a0 Bogot\u00e1, D. C., dieciocho (18) de agosto de dos mil cinco (2005). \u00a0 La Sala Octava de Revisi\u00f3n de la Corte Constitucional, integrada por los magistrados Jaime Araujo Renter\u00eda, Clara In\u00e9s Vargas Hern\u00e1ndez y Alvaro Tafur Galvis, en ejercicio de su competencia constitucional y legal, ha ...<br \/><div class=\"pt-cv-rmwrap\"><a href=\"https:\/\/www.dmsjuridica.com\/buscador_20179478954\/corteconstitucionalcronologico202454587\/t-863-05\/\" class=\"_self pt-cv-readmore btn btn-success\" target=\"_self\">Ver Sentencia Completa...<\/a><\/div><\/div><\/div><\/div>\n<div class=\"col-md-12 col-sm-12 col-xs-12 pt-cv-content-item pt-cv-1-col\" ><div class='pt-cv-ifield'><a href=\"https:\/\/www.dmsjuridica.com\/buscador_20179478954\/corteconstitucionalcronologico202454587\/t-862-05\/\" class=\"_self pt-cv-href-thumbnail pt-cv-thumb-default\" target=\"_self\" ><\/a>\n<div class=\"pt-cv-taxoterm above_title\"><a href='https:\/\/www.dmsjuridica.com\/buscador_20179478954\/corteconstitucionalcronologico202454587\/category\/buscar-en-toda-la-corte\/2005\/tutelas-2005\/' title='Tutelas 2005' class='pt-cv-tax-tutelas-2005'>Tutelas 2005<\/a><\/div>\n<h4 class=\"pt-cv-title\"><a href=\"https:\/\/www.dmsjuridica.com\/buscador_20179478954\/corteconstitucionalcronologico202454587\/t-862-05\/\" class=\"_self\" target=\"_self\" >T-862-05<\/a><\/h4>\n<div class=\"pt-cv-content\">\u00a0 \u00a0 Sentencia T-862\/05 \u00a0 DERECHO DE PETICION EN MATERIA PENSIONAL-T\u00e9rminos \u00a0 A la fecha han transcurrido m\u00e1s de siete meses desde que la actora radic\u00f3 su solicitud de reconocimiento y pago de pensi\u00f3n; al momento de fallar el Juez de instancia, ya hab\u00edan transcurrido los primeros plazos (15 d\u00edas y 4 meses) para que Cajanal le hubiera dado contestaci\u00f3n de fondo a la solicitud realizada por la accionante. Por lo tanto, pasados los t\u00e9rminos que esta Corporaci\u00f3n ha se\u00f1alado para que las entidades que tramitan el reconocimiento y pago de pensiones a las personas que ante ellas as\u00ed lo ...<br \/><div class=\"pt-cv-rmwrap\"><a href=\"https:\/\/www.dmsjuridica.com\/buscador_20179478954\/corteconstitucionalcronologico202454587\/t-862-05\/\" class=\"_self pt-cv-readmore btn btn-success\" target=\"_self\">Ver Sentencia Completa...<\/a><\/div><\/div><\/div><\/div>\n<div class=\"col-md-12 col-sm-12 col-xs-12 pt-cv-content-item pt-cv-1-col\" ><div class='pt-cv-ifield'><a href=\"https:\/\/www.dmsjuridica.com\/buscador_20179478954\/corteconstitucionalcronologico202454587\/t-861-05\/\" class=\"_self pt-cv-href-thumbnail pt-cv-thumb-default\" target=\"_self\" ><\/a>\n<div class=\"pt-cv-taxoterm above_title\"><a href='https:\/\/www.dmsjuridica.com\/buscador_20179478954\/corteconstitucionalcronologico202454587\/category\/buscar-en-toda-la-corte\/2005\/tutelas-2005\/' title='Tutelas 2005' class='pt-cv-tax-tutelas-2005'>Tutelas 2005<\/a><\/div>\n<h4 class=\"pt-cv-title\"><a href=\"https:\/\/www.dmsjuridica.com\/buscador_20179478954\/corteconstitucionalcronologico202454587\/t-861-05\/\" class=\"_self\" target=\"_self\" >T-861-05<\/a><\/h4>\n<div class=\"pt-cv-content\">\u00a0 \u00a0 Sentencia T-861\/05 \u00a0 TRASLADO DE PERSONA ENFERMA-Casos en que EPS o ARS est\u00e1n obligadas a cubrir costos del transporte\/DERECHO A LA SALUD-Orden de traslado en ambulancia para tratamiento de di\u00e1lisis \u00a0 Referencia: expediente: T-1144062 \u00a0 Accionante: Pablo Enrique Casta\u00f1eda Barbosa \u00a0 Procedencia: Juzgado Treinta y Siete Penal del Circuito de Bogot\u00e1 \u00a0 Magistrado Ponente:\u00a0 \u00a0 Dr. MARCO GERARDO MONROY CABRA \u00a0 Bogot\u00e1, D. C., dieciocho (18) de agosto de dos mil cinco (2005) \u00a0 La Sala Sexta de Revisi\u00f3n de la Corte Constitucional, integrada por los Magistrados doctores Humberto Antonio Sierra Porto, \u00c1lvaro Tafur Galvis y Marco Gerardo ...<br \/><div class=\"pt-cv-rmwrap\"><a href=\"https:\/\/www.dmsjuridica.com\/buscador_20179478954\/corteconstitucionalcronologico202454587\/t-861-05\/\" class=\"_self pt-cv-readmore btn btn-success\" target=\"_self\">Ver Sentencia Completa...<\/a><\/div><\/div><\/div><\/div>\n<div class=\"col-md-12 col-sm-12 col-xs-12 pt-cv-content-item pt-cv-1-col\" ><div class='pt-cv-ifield'><a href=\"https:\/\/www.dmsjuridica.com\/buscador_20179478954\/corteconstitucionalcronologico202454587\/t-860-05\/\" class=\"_self pt-cv-href-thumbnail pt-cv-thumb-default\" target=\"_self\" ><\/a>\n<div class=\"pt-cv-taxoterm above_title\"><a href='https:\/\/www.dmsjuridica.com\/buscador_20179478954\/corteconstitucionalcronologico202454587\/category\/buscar-en-toda-la-corte\/2005\/tutelas-2005\/' title='Tutelas 2005' class='pt-cv-tax-tutelas-2005'>Tutelas 2005<\/a><\/div>\n<h4 class=\"pt-cv-title\"><a href=\"https:\/\/www.dmsjuridica.com\/buscador_20179478954\/corteconstitucionalcronologico202454587\/t-860-05\/\" class=\"_self\" target=\"_self\" >T-860-05<\/a><\/h4>\n<div class=\"pt-cv-content\">\u00a0 \u00a0 Sentencia T-860\/05 \u00a0 PENSION DE INVALIDEZ-Procedencia de tutela para reconocimiento y pago \u00a0 El juez de tutela deber\u00e1 examinar, al momento de determinar si una acci\u00f3n de tutela es procedente para obtener el reconocimiento y pago de la pensi\u00f3n de invalidez, si existe un nexo entre dicha pretensi\u00f3n con un derecho fundamental que pueda estar siendo vulnerado, y si del an\u00e1lisis se deduce dicho nexo, deber\u00e1 conceder el amparo cuando si bien existan mecanismos judiciales \u00e9stos sean no id\u00f3neos para la protecci\u00f3n de los derechos del peticionario. \u00a0 La carga del incumplimiento por el no pago de los ...<br \/><div class=\"pt-cv-rmwrap\"><a href=\"https:\/\/www.dmsjuridica.com\/buscador_20179478954\/corteconstitucionalcronologico202454587\/t-860-05\/\" class=\"_self pt-cv-readmore btn btn-success\" target=\"_self\">Ver Sentencia Completa...<\/a><\/div><\/div><\/div><\/div>\n<div class=\"col-md-12 col-sm-12 col-xs-12 pt-cv-content-item pt-cv-1-col\" ><div class='pt-cv-ifield'><a href=\"https:\/\/www.dmsjuridica.com\/buscador_20179478954\/corteconstitucionalcronologico202454587\/t-859-05\/\" class=\"_self pt-cv-href-thumbnail pt-cv-thumb-default\" target=\"_self\" ><\/a>\n<div class=\"pt-cv-taxoterm above_title\"><a href='https:\/\/www.dmsjuridica.com\/buscador_20179478954\/corteconstitucionalcronologico202454587\/category\/buscar-en-toda-la-corte\/2005\/tutelas-2005\/' title='Tutelas 2005' class='pt-cv-tax-tutelas-2005'>Tutelas 2005<\/a><\/div>\n<h4 class=\"pt-cv-title\"><a href=\"https:\/\/www.dmsjuridica.com\/buscador_20179478954\/corteconstitucionalcronologico202454587\/t-859-05\/\" class=\"_self\" target=\"_self\" >T-859-05<\/a><\/h4>\n<div class=\"pt-cv-content\">\u00a0 \u00a0 Sentencia T-859\/05 \u00a0 ADMINISTRADORA DE RIESGOS PROFESIONALES-Obligaciones \u00a0 PENSION DE INVALIDEZ-Reconocimiento \u00a0 Referencia: expediente T-1082507 \u00a0 Acci\u00f3n de tutela instaurada por el se\u00f1or Luis Eduardo Guzm\u00e1n Castillo contra Colmena Riesgos Profesionales.\u00a0 \u00a0 Magistrado Ponente: \u00a0 \u00a0 Dr. ALFREDO BELTR\u00c1N SIERRA \u00a0 Bogot\u00e1 D. C., dieciocho (18) de agosto de dos mil cinco (2005). \u00a0 La Sala Segunda de Revisi\u00f3n de la Corte Constitucional, integrada por los magistrados Alfredo Beltr\u00e1n Sierra, Manuel Jos\u00e9 Cepeda Espinosa y Jaime C\u00f3rdoba Trivi\u00f1o, en ejercicio de sus competencias constitucionales y legales ha proferido la siguiente\u00a0 \u00a0 en el proceso de revisi\u00f3n de los ...<br \/><div class=\"pt-cv-rmwrap\"><a href=\"https:\/\/www.dmsjuridica.com\/buscador_20179478954\/corteconstitucionalcronologico202454587\/t-859-05\/\" class=\"_self pt-cv-readmore btn btn-success\" target=\"_self\">Ver Sentencia Completa...<\/a><\/div><\/div><\/div><\/div>\n<div class=\"col-md-12 col-sm-12 col-xs-12 pt-cv-content-item pt-cv-1-col\" ><div class='pt-cv-ifield'><a href=\"https:\/\/www.dmsjuridica.com\/buscador_20179478954\/corteconstitucionalcronologico202454587\/t-858-05\/\" class=\"_self pt-cv-href-thumbnail pt-cv-thumb-default\" target=\"_self\" ><\/a>\n<div class=\"pt-cv-taxoterm above_title\"><a href='https:\/\/www.dmsjuridica.com\/buscador_20179478954\/corteconstitucionalcronologico202454587\/category\/buscar-en-toda-la-corte\/2005\/tutelas-2005\/' title='Tutelas 2005' class='pt-cv-tax-tutelas-2005'>Tutelas 2005<\/a><\/div>\n<h4 class=\"pt-cv-title\"><a href=\"https:\/\/www.dmsjuridica.com\/buscador_20179478954\/corteconstitucionalcronologico202454587\/t-858-05\/\" class=\"_self\" target=\"_self\" >T-858-05<\/a><\/h4>\n<div class=\"pt-cv-content\">\u00a0 \u00a0 Sentencia T-858\/05 \u00a0 DERECHO DE PETICION-Competencia a nivel nacional del ISS \u00a0 DERECHO DE PETICION EN MATERIA PENSIONAL-T\u00e9rminos \u00a0 Acci\u00f3n de tutela instaurada por el se\u00f1or Dagoberto Quesada Echavarr\u00eda contra Seguro Social A.R.P.. \u00a0 Magistrado Ponente: \u00a0 \u00a0 Dr. ALFREDO BELTR\u00c1N SIERRA \u00a0 Bogot\u00e1 D. C., dieciocho (18) de agosto de dos mil cinco (2005). \u00a0 La Sala Segunda de Revisi\u00f3n de la Corte Constitucional, integrada por los magistrados Alfredo Beltr\u00e1n Sierra, Manuel Jos\u00e9 Cepeda Espinosa y Jaime C\u00f3rdoba Trivi\u00f1o, en ejercicio de sus competencias constitucionales y legales ha proferido la siguiente\u00a0 \u00a0 SENTENCIA \u00a0 en el proceso ...<br \/><div class=\"pt-cv-rmwrap\"><a href=\"https:\/\/www.dmsjuridica.com\/buscador_20179478954\/corteconstitucionalcronologico202454587\/t-858-05\/\" class=\"_self pt-cv-readmore btn btn-success\" target=\"_self\">Ver Sentencia Completa...<\/a><\/div><\/div><\/div><\/div>\n<div class=\"col-md-12 col-sm-12 col-xs-12 pt-cv-content-item pt-cv-1-col\" ><div class='pt-cv-ifield'><a href=\"https:\/\/www.dmsjuridica.com\/buscador_20179478954\/corteconstitucionalcronologico202454587\/t-848-05\/\" class=\"_self pt-cv-href-thumbnail pt-cv-thumb-default\" target=\"_self\" ><\/a>\n<div class=\"pt-cv-taxoterm above_title\"><a href='https:\/\/www.dmsjuridica.com\/buscador_20179478954\/corteconstitucionalcronologico202454587\/category\/buscar-en-toda-la-corte\/2005\/tutelas-2005\/' title='Tutelas 2005' class='pt-cv-tax-tutelas-2005'>Tutelas 2005<\/a><\/div>\n<h4 class=\"pt-cv-title\"><a href=\"https:\/\/www.dmsjuridica.com\/buscador_20179478954\/corteconstitucionalcronologico202454587\/t-848-05\/\" class=\"_self\" target=\"_self\" >T-848-05<\/a><\/h4>\n<div class=\"pt-cv-content\">\u00a0 \u00a0 Sentencia T-848\/05 \u00a0 ESTABLECIMIENTO CARCELARIO-Tratos crueles, inhumanos y degradantes en la requisa a internos y visitantes\/ESTABLECIMIENTO CARCELARIO-Prohibici\u00f3n de requisas visuales o por contacto sobre cuerpos desnudos a internos y visitantes\/ESTABLECIMIENTO CARCELARIO-Requisa vaginal no est\u00e1 permitida \u00a0 ESTABLECIMIENTO CARCELARIO-Reglas constitucionales y jurisprudenciales en requisas \u00a0 (1) El Estado tiene la leg\u00edtima facultad y obligaci\u00f3n para practicar requisas razonables y proporcionadas, legalmente consideradas. (2) En el caso de los visitantes, espec\u00edficamente, toda persona que ingrese a un centro de reclusi\u00f3n o salga de \u00e9l, por cualquier motivo, deber\u00e1 ser razonablemente requisada y sometida a los procedimientos de ingreso y egreso; ...<br \/><div class=\"pt-cv-rmwrap\"><a href=\"https:\/\/www.dmsjuridica.com\/buscador_20179478954\/corteconstitucionalcronologico202454587\/t-848-05\/\" class=\"_self pt-cv-readmore btn btn-success\" target=\"_self\">Ver Sentencia Completa...<\/a><\/div><\/div><\/div><\/div>\n<div class=\"col-md-12 col-sm-12 col-xs-12 pt-cv-content-item pt-cv-1-col\" ><div class='pt-cv-ifield'><a href=\"https:\/\/www.dmsjuridica.com\/buscador_20179478954\/corteconstitucionalcronologico202454587\/t-847-05\/\" class=\"_self pt-cv-href-thumbnail pt-cv-thumb-default\" target=\"_self\" ><\/a>\n<div class=\"pt-cv-taxoterm above_title\"><a href='https:\/\/www.dmsjuridica.com\/buscador_20179478954\/corteconstitucionalcronologico202454587\/category\/buscar-en-toda-la-corte\/2005\/tutelas-2005\/' title='Tutelas 2005' class='pt-cv-tax-tutelas-2005'>Tutelas 2005<\/a><\/div>\n<h4 class=\"pt-cv-title\"><a href=\"https:\/\/www.dmsjuridica.com\/buscador_20179478954\/corteconstitucionalcronologico202454587\/t-847-05\/\" class=\"_self\" target=\"_self\" >T-847-05<\/a><\/h4>\n<div class=\"pt-cv-content\">\u00a0 \u00a0 Sentencia T-847\/05 \u00a0 DERECHO DE PETICION EN MATERIA PENSIONAL \u00a0 Reiteraci\u00f3n de jurisprudencia\u00a0 \u00a0 Referencia: expediente T-1098128 \u00a0 Peticionario: Maria Fanny Coronado Morales \u00a0 Entidad accionada: Instituto de los Seguros Sociales (ISS), Seccional Valle Del Cauca\u00a0 \u00a0 Magistrado Ponente: \u00a0 Dr. RODRIGO ESCOBAR GIL \u00a0 Bogot\u00e1, D. C., diecis\u00e9is (16) de agosto de dos mil cinco (2005). \u00a0 La Sala Quinta de Revisi\u00f3n de la Corte Constitucional, integrada por los Magistrados Rodrigo Escobar Gil - Presidente -, Marco Gerardo Monroy Cabra y Humberto Antonio Sierra Porto, en ejercicio de sus competencias constitucionales y legales, ha pronunciado la siguiente, ...<br \/><div class=\"pt-cv-rmwrap\"><a href=\"https:\/\/www.dmsjuridica.com\/buscador_20179478954\/corteconstitucionalcronologico202454587\/t-847-05\/\" class=\"_self pt-cv-readmore btn btn-success\" target=\"_self\">Ver Sentencia Completa...<\/a><\/div><\/div><\/div><\/div>\n<div class=\"col-md-12 col-sm-12 col-xs-12 pt-cv-content-item pt-cv-1-col\" ><div class='pt-cv-ifield'><a href=\"https:\/\/www.dmsjuridica.com\/buscador_20179478954\/corteconstitucionalcronologico202454587\/t-846-05\/\" class=\"_self pt-cv-href-thumbnail pt-cv-thumb-default\" target=\"_self\" ><\/a>\n<div class=\"pt-cv-taxoterm above_title\"><a href='https:\/\/www.dmsjuridica.com\/buscador_20179478954\/corteconstitucionalcronologico202454587\/category\/buscar-en-toda-la-corte\/2005\/tutelas-2005\/' title='Tutelas 2005' class='pt-cv-tax-tutelas-2005'>Tutelas 2005<\/a><\/div>\n<h4 class=\"pt-cv-title\"><a href=\"https:\/\/www.dmsjuridica.com\/buscador_20179478954\/corteconstitucionalcronologico202454587\/t-846-05\/\" class=\"_self\" target=\"_self\" >T-846-05<\/a><\/h4>\n<div class=\"pt-cv-content\">\u00a0 \u00a0 Sentencia T-846\/05 \u00a0 ACCIONES AFIRMATIVAS-Protecci\u00f3n especial a las madres cabeza de familia \u00a0 MADRE CABEZA DE FAMILIA-Presupuestos legales y jurisprudenciales para que una mujer sea considerada como tal \u00a0 \u00a0 PROCESOS DE REFORMA INSTITUCIONAL Y MADRES CABEZA DE FAMILIA \u00a0 Puede afirmarse que por expreso mandato constitucional, en los procesos de reforma institucional existe la obligaci\u00f3n del Estado de garantizar de manera reforzada, esto es, con una mayor intensidad que a los dem\u00e1s servidores p\u00fablicos, la permanencia y estabilidad de las madres cabeza de familia en sus empleos. Lo anterior obliga a las entidades p\u00fablicas a adoptar medidas ...<br \/><div class=\"pt-cv-rmwrap\"><a href=\"https:\/\/www.dmsjuridica.com\/buscador_20179478954\/corteconstitucionalcronologico202454587\/t-846-05\/\" class=\"_self pt-cv-readmore btn btn-success\" target=\"_self\">Ver Sentencia Completa...<\/a><\/div><\/div><\/div><\/div>\n<div class=\"col-md-12 col-sm-12 col-xs-12 pt-cv-content-item pt-cv-1-col\" ><div class='pt-cv-ifield'><a href=\"https:\/\/www.dmsjuridica.com\/buscador_20179478954\/corteconstitucionalcronologico202454587\/t-845-05\/\" class=\"_self pt-cv-href-thumbnail pt-cv-thumb-default\" target=\"_self\" ><\/a>\n<div class=\"pt-cv-taxoterm above_title\"><a href='https:\/\/www.dmsjuridica.com\/buscador_20179478954\/corteconstitucionalcronologico202454587\/category\/buscar-en-toda-la-corte\/2005\/tutelas-2005\/' title='Tutelas 2005' class='pt-cv-tax-tutelas-2005'>Tutelas 2005<\/a><\/div>\n<h4 class=\"pt-cv-title\"><a href=\"https:\/\/www.dmsjuridica.com\/buscador_20179478954\/corteconstitucionalcronologico202454587\/t-845-05\/\" class=\"_self\" target=\"_self\" >T-845-05<\/a><\/h4>\n<div class=\"pt-cv-content\">\u00a0 \u00a0 Sentencia T-845\/05 \u00a0 DERECHO A LA EDUCACION-Retenci\u00f3n de notas y certificados de estudios por no pago de pensi\u00f3n\u00a0 \u00a0 Es importante advertir a los jueces de conocimiento, que para evitar que la acci\u00f3n de tutela se convierta en un medio para promover la cultura del no pago, frente a los compromisos que de manera voluntaria han adquirido los padres de familia, es menester que se acopien las pruebas pertinentes, con el fin de buscar la verdad procesal. En ese orden de ideas, se observa que en el plenario no existe prueba alguna del hecho o circunstancia sobreviniente que ...<br \/><div class=\"pt-cv-rmwrap\"><a href=\"https:\/\/www.dmsjuridica.com\/buscador_20179478954\/corteconstitucionalcronologico202454587\/t-845-05\/\" class=\"_self pt-cv-readmore btn btn-success\" target=\"_self\">Ver Sentencia Completa...<\/a><\/div><\/div><\/div><\/div>\n<div class=\"col-md-12 col-sm-12 col-xs-12 pt-cv-content-item pt-cv-1-col\" ><div class='pt-cv-ifield'><a href=\"https:\/\/www.dmsjuridica.com\/buscador_20179478954\/corteconstitucionalcronologico202454587\/t-844-05\/\" class=\"_self pt-cv-href-thumbnail pt-cv-thumb-default\" target=\"_self\" ><\/a>\n<div class=\"pt-cv-taxoterm above_title\"><a href='https:\/\/www.dmsjuridica.com\/buscador_20179478954\/corteconstitucionalcronologico202454587\/category\/buscar-en-toda-la-corte\/2005\/tutelas-2005\/' title='Tutelas 2005' class='pt-cv-tax-tutelas-2005'>Tutelas 2005<\/a><\/div>\n<h4 class=\"pt-cv-title\"><a href=\"https:\/\/www.dmsjuridica.com\/buscador_20179478954\/corteconstitucionalcronologico202454587\/t-844-05\/\" class=\"_self\" target=\"_self\" >T-844-05<\/a><\/h4>\n<div class=\"pt-cv-content\">\u00a0 \u00a0 Sentencia T-844\/05 \u00a0 LEY MARCO DE VIVIENDA-Alcance y objetivo\u00a0 \u00a0 PROCESO EJECUTIVO HIPOTECARIO-Alcance de la sentencia C-955\/00\/PROCESO EJECUTIVO HIPOTECARIO-Reliquidaci\u00f3n autom\u00e1tica \u00a0 PROCESO EJECUTIVO HIPOTECARIO-Reliquidaci\u00f3n del cr\u00e9dito da lugar a la terminaci\u00f3n del proceso seg\u00fan la ley 546 de 1999 \u00a0 Cabe destacar que, a partir de la declaratoria de inexequibilidad de las expresiones \"que dentro de los noventa (90) d\u00edas siguientes a la entrada en vigencia de la presente Ley decidan acogerse a la reliquidaci\u00f3n de su cr\u00e9dito hipotecario\", \"dentro del plazo\", y \"si dentro del a\u00f1o siguiente a la reestructuraci\u00f3n del cr\u00e9dito el deudor incurriere nuevamente en ...<br \/><div class=\"pt-cv-rmwrap\"><a href=\"https:\/\/www.dmsjuridica.com\/buscador_20179478954\/corteconstitucionalcronologico202454587\/t-844-05\/\" class=\"_self pt-cv-readmore btn btn-success\" target=\"_self\">Ver Sentencia Completa...<\/a><\/div><\/div><\/div><\/div>\n<div class=\"col-md-12 col-sm-12 col-xs-12 pt-cv-content-item pt-cv-1-col\" ><div class='pt-cv-ifield'><a href=\"https:\/\/www.dmsjuridica.com\/buscador_20179478954\/corteconstitucionalcronologico202454587\/t-843-05\/\" class=\"_self pt-cv-href-thumbnail pt-cv-thumb-default\" target=\"_self\" ><\/a>\n<div class=\"pt-cv-taxoterm above_title\"><a href='https:\/\/www.dmsjuridica.com\/buscador_20179478954\/corteconstitucionalcronologico202454587\/category\/buscar-en-toda-la-corte\/2005\/tutelas-2005\/' title='Tutelas 2005' class='pt-cv-tax-tutelas-2005'>Tutelas 2005<\/a><\/div>\n<h4 class=\"pt-cv-title\"><a href=\"https:\/\/www.dmsjuridica.com\/buscador_20179478954\/corteconstitucionalcronologico202454587\/t-843-05\/\" class=\"_self\" target=\"_self\" >T-843-05<\/a><\/h4>\n<div class=\"pt-cv-content\">\u00a0 \u00a0 Sentencia T-843\/05 \u00a0 AGENCIA OFICIOSA EN TUTELA-Estado de salud de persona de la tercera edad es prueba suficiente para justificarla \u00a0 La jurisprudencia constitucional ha indicado que la agencia oficiosa requiere que el agente afirme actuar como tal y que demuestre que el titular del derecho amenazado o vulnerado se encuentra en imposibilidad de promover su propia defensa, bien sea por circunstancias f\u00edsicas, como la enfermedad, o por razones s\u00edquicas que pudieren haber afectado su estado mental, o debido a un estado de indefensi\u00f3n que le impida acudir a la justicia. En el presente caso, el accionante afirma ...<br \/><div class=\"pt-cv-rmwrap\"><a href=\"https:\/\/www.dmsjuridica.com\/buscador_20179478954\/corteconstitucionalcronologico202454587\/t-843-05\/\" class=\"_self pt-cv-readmore btn btn-success\" target=\"_self\">Ver Sentencia Completa...<\/a><\/div><\/div><\/div><\/div>\n<div class=\"col-md-12 col-sm-12 col-xs-12 pt-cv-content-item pt-cv-1-col\" ><div class='pt-cv-ifield'><a href=\"https:\/\/www.dmsjuridica.com\/buscador_20179478954\/corteconstitucionalcronologico202454587\/t-842-05\/\" class=\"_self pt-cv-href-thumbnail pt-cv-thumb-default\" target=\"_self\" ><\/a>\n<div class=\"pt-cv-taxoterm above_title\"><a href='https:\/\/www.dmsjuridica.com\/buscador_20179478954\/corteconstitucionalcronologico202454587\/category\/buscar-en-toda-la-corte\/2005\/tutelas-2005\/' title='Tutelas 2005' class='pt-cv-tax-tutelas-2005'>Tutelas 2005<\/a><\/div>\n<h4 class=\"pt-cv-title\"><a href=\"https:\/\/www.dmsjuridica.com\/buscador_20179478954\/corteconstitucionalcronologico202454587\/t-842-05\/\" class=\"_self\" target=\"_self\" >T-842-05<\/a><\/h4>\n<div class=\"pt-cv-content\">\u00a0 \u00a0 Sentencia T-842\/05 \u00a0 PRINCIPIO DE CONTINUIDAD EN EL SERVICIO DE SALUD\/PERIODO DE PROTECCION LABORAL-Caso en que se inici\u00f3 tratamiento cuando a\u00fan estaba vigente afiliaci\u00f3n a EPS \u00a0 A la accionante se le diagnostic\u00f3 el c\u00e1ncer y su tratamiento respectivo durante la vigencia de la afiliaci\u00f3n a la E.P.S. La accionante acudi\u00f3 a la \u201cCl\u00ednica de oncolog\u00eda Astorga\u201d donde le fue diagnosticado c\u00e1ncer de mama el d\u00eda primero de abril de 2005. De lo anterior se desprende que a la accionante se le diagnostic\u00f3 una enfermedad grave (c\u00e1ncer de mama) durante la vigencia de la afiliaci\u00f3n a Comfenalco E.P.S ...<br \/><div class=\"pt-cv-rmwrap\"><a href=\"https:\/\/www.dmsjuridica.com\/buscador_20179478954\/corteconstitucionalcronologico202454587\/t-842-05\/\" class=\"_self pt-cv-readmore btn btn-success\" target=\"_self\">Ver Sentencia Completa...<\/a><\/div><\/div><\/div><\/div>\n<div class=\"col-md-12 col-sm-12 col-xs-12 pt-cv-content-item pt-cv-1-col\" ><div class='pt-cv-ifield'><a href=\"https:\/\/www.dmsjuridica.com\/buscador_20179478954\/corteconstitucionalcronologico202454587\/t-841-05\/\" class=\"_self pt-cv-href-thumbnail pt-cv-thumb-default\" target=\"_self\" ><\/a>\n<div class=\"pt-cv-taxoterm above_title\"><a href='https:\/\/www.dmsjuridica.com\/buscador_20179478954\/corteconstitucionalcronologico202454587\/category\/buscar-en-toda-la-corte\/2005\/tutelas-2005\/' title='Tutelas 2005' class='pt-cv-tax-tutelas-2005'>Tutelas 2005<\/a><\/div>\n<h4 class=\"pt-cv-title\"><a href=\"https:\/\/www.dmsjuridica.com\/buscador_20179478954\/corteconstitucionalcronologico202454587\/t-841-05\/\" class=\"_self\" target=\"_self\" >T-841-05<\/a><\/h4>\n<div class=\"pt-cv-content\">\u00a0 \u00a0 Sentencia T-841\/05 \u00a0 DERECHO A LA SALUD-Suministro de medicamentos excluidos del POS \u00a0 REGIMEN CONTRIBUTIVO Y SUBSIDIADO DE SALUD-Obligaci\u00f3n de suministrar medicamentos excluidos del POS \u00a0 REGIMEN SUBSIDIADO DE SALUD-En caso de tratamientos excluidos del POS-S surgen dos opciones de protecci\u00f3n constitucional \u00a0 INCAPACIDAD ECONOMICA EN MATERIA DE SALUD-Reglas probatorias \u00a0 Reiteraci\u00f3n de Jurisprudencia \u00a0 Referencia: expediente T-1144524 \u00a0 Acci\u00f3n de tutela instaurada por Mar\u00eda Doris Uribe de Valencia contra Coomeva E.P.S..\u00a0 \u00a0 Magistrado Ponente \u00a0 Dr. MANUEL JOS\u00c9 CEPEDA ESPINOSA \u00a0 Bogot\u00e1, D.C., doce (12) de agosto de dos mil cinco (2005). \u00a0 Teniendo en cuenta que ...<br \/><div class=\"pt-cv-rmwrap\"><a href=\"https:\/\/www.dmsjuridica.com\/buscador_20179478954\/corteconstitucionalcronologico202454587\/t-841-05\/\" class=\"_self pt-cv-readmore btn btn-success\" target=\"_self\">Ver Sentencia Completa...<\/a><\/div><\/div><\/div><\/div>\n<div class=\"col-md-12 col-sm-12 col-xs-12 pt-cv-content-item pt-cv-1-col\" ><div class='pt-cv-ifield'><a href=\"https:\/\/www.dmsjuridica.com\/buscador_20179478954\/corteconstitucionalcronologico202454587\/t-840-05\/\" class=\"_self pt-cv-href-thumbnail pt-cv-thumb-default\" target=\"_self\" ><\/a>\n<div class=\"pt-cv-taxoterm above_title\"><a href='https:\/\/www.dmsjuridica.com\/buscador_20179478954\/corteconstitucionalcronologico202454587\/category\/buscar-en-toda-la-corte\/2005\/tutelas-2005\/' title='Tutelas 2005' class='pt-cv-tax-tutelas-2005'>Tutelas 2005<\/a><\/div>\n<h4 class=\"pt-cv-title\"><a href=\"https:\/\/www.dmsjuridica.com\/buscador_20179478954\/corteconstitucionalcronologico202454587\/t-840-05\/\" class=\"_self\" target=\"_self\" >T-840-05<\/a><\/h4>\n<div class=\"pt-cv-content\">\u00a0 \u00a0 Sentencia T-840\/05 \u00a0 DERECHO A LA PENSION DE JUBILACION-Vulneraci\u00f3n del m\u00ednimo vital y del debido proceso \u00a0 En un primer an\u00e1lisis de este caso se advierte que el Instituto de Seguros Sociales no s\u00f3lo traslad\u00f3 al accionante la carga de los errores en los \u00a0que incurri\u00f3 durante \u00a0el estudio y la decisi\u00f3n de la solicitud de reconocimiento pensional, si no que se abstuvo de dar aplicaci\u00f3n a un r\u00e9gimen especial, como lo era el de transici\u00f3n, y en el que se encontraba el demandante desde 2003 cuando present\u00f3 su solicitud de pensi\u00f3n. En efecto, si el demandante, con ...<br \/><div class=\"pt-cv-rmwrap\"><a href=\"https:\/\/www.dmsjuridica.com\/buscador_20179478954\/corteconstitucionalcronologico202454587\/t-840-05\/\" class=\"_self pt-cv-readmore btn btn-success\" target=\"_self\">Ver Sentencia Completa...<\/a><\/div><\/div><\/div><\/div>\n<div class=\"col-md-12 col-sm-12 col-xs-12 pt-cv-content-item pt-cv-1-col\" ><div class='pt-cv-ifield'><a href=\"https:\/\/www.dmsjuridica.com\/buscador_20179478954\/corteconstitucionalcronologico202454587\/t-839-05\/\" class=\"_self pt-cv-href-thumbnail pt-cv-thumb-default\" target=\"_self\" ><\/a>\n<div class=\"pt-cv-taxoterm above_title\"><a href='https:\/\/www.dmsjuridica.com\/buscador_20179478954\/corteconstitucionalcronologico202454587\/category\/buscar-en-toda-la-corte\/2005\/tutelas-2005\/' title='Tutelas 2005' class='pt-cv-tax-tutelas-2005'>Tutelas 2005<\/a><\/div>\n<h4 class=\"pt-cv-title\"><a href=\"https:\/\/www.dmsjuridica.com\/buscador_20179478954\/corteconstitucionalcronologico202454587\/t-839-05\/\" class=\"_self\" target=\"_self\" >T-839-05<\/a><\/h4>\n<div class=\"pt-cv-content\">\u00a0 \u00a0 Sentencia T-839\/05 \u00a0 ACCION DE TUTELA CONTRA PROVIDENCIAS JUDICIALES-Evoluci\u00f3n jurisprudencial \u00a0 RECURSO EXTRAORDINARIO DE REVISION-Para controvertir sentencia sobre anulaci\u00f3n de laudo arbitral \u00a0 En el caso objeto de estudio, algunas de las alegaciones planteadas por los accionantes contra la sentencia del Tribunal Superior de Cartagena, y de las que se derivan las supuestas afectaciones de sus derechos fundamentales al debido proceso y al acceso a la justicia, son susceptibles de ser planteadas y solucionadas de una manera clara, definitiva y precisa, en sede del recurso extraordinario de revisi\u00f3n, ante la Sala de Casaci\u00f3n Civil de la Corte Suprema ...<br \/><div class=\"pt-cv-rmwrap\"><a href=\"https:\/\/www.dmsjuridica.com\/buscador_20179478954\/corteconstitucionalcronologico202454587\/t-839-05\/\" class=\"_self pt-cv-readmore btn btn-success\" target=\"_self\">Ver Sentencia Completa...<\/a><\/div><\/div><\/div><\/div>\n<div class=\"col-md-12 col-sm-12 col-xs-12 pt-cv-content-item pt-cv-1-col\" ><div class='pt-cv-ifield'><a href=\"https:\/\/www.dmsjuridica.com\/buscador_20179478954\/corteconstitucionalcronologico202454587\/t-838-05\/\" class=\"_self pt-cv-href-thumbnail pt-cv-thumb-default\" target=\"_self\" ><\/a>\n<div class=\"pt-cv-taxoterm above_title\"><a href='https:\/\/www.dmsjuridica.com\/buscador_20179478954\/corteconstitucionalcronologico202454587\/category\/buscar-en-toda-la-corte\/2005\/tutelas-2005\/' title='Tutelas 2005' class='pt-cv-tax-tutelas-2005'>Tutelas 2005<\/a><\/div>\n<h4 class=\"pt-cv-title\"><a href=\"https:\/\/www.dmsjuridica.com\/buscador_20179478954\/corteconstitucionalcronologico202454587\/t-838-05\/\" class=\"_self\" target=\"_self\" >T-838-05<\/a><\/h4>\n<div class=\"pt-cv-content\">\u00a0 \u00a0 Sentencia T-838\/05 \u00a0 PERIODO DE PROTECCION LABORAL-Caso de empleada embarazada despedida \u00a0 ACCION DE TUTELA-Carencia actual de objeto \u00a0 Referencia: expediente T-1138281 \u00a0 Acci\u00f3n de tutela de la se\u00f1ora Flor Lucila \u00a0Gonz\u00e1lez Galvis contra COOMEVA EPS.\u00a0 \u00a0 Magistrado Ponente:\u00a0 \u00a0 Dr. JAIME CORDOBA TRIVI\u00d1O. \u00a0 Bogot\u00e1, D. C., doce (12) de agosto de dos mil Cinco (2005). \u00a0 La Sala Cuarta de Revisi\u00f3n de la Corte Constitucional, integrada por los magistrados Jaime C\u00f3rdoba Trivi\u00f1o, Rodrigo Escobar Gil y Marco Gerardo Monroy Cabra, en ejercicio de sus competencias constitucionales y legales ha proferido la siguiente \u00a0 SENTENCIA \u00a0 en ...<br \/><div class=\"pt-cv-rmwrap\"><a href=\"https:\/\/www.dmsjuridica.com\/buscador_20179478954\/corteconstitucionalcronologico202454587\/t-838-05\/\" class=\"_self pt-cv-readmore btn btn-success\" target=\"_self\">Ver Sentencia Completa...<\/a><\/div><\/div><\/div><\/div>\n<div class=\"col-md-12 col-sm-12 col-xs-12 pt-cv-content-item pt-cv-1-col\" ><div class='pt-cv-ifield'><a href=\"https:\/\/www.dmsjuridica.com\/buscador_20179478954\/corteconstitucionalcronologico202454587\/t-837-05\/\" class=\"_self pt-cv-href-thumbnail pt-cv-thumb-default\" target=\"_self\" ><\/a>\n<div class=\"pt-cv-taxoterm above_title\"><a href='https:\/\/www.dmsjuridica.com\/buscador_20179478954\/corteconstitucionalcronologico202454587\/category\/buscar-en-toda-la-corte\/2005\/tutelas-2005\/' title='Tutelas 2005' class='pt-cv-tax-tutelas-2005'>Tutelas 2005<\/a><\/div>\n<h4 class=\"pt-cv-title\"><a href=\"https:\/\/www.dmsjuridica.com\/buscador_20179478954\/corteconstitucionalcronologico202454587\/t-837-05\/\" class=\"_self\" target=\"_self\" >T-837-05<\/a><\/h4>\n<div class=\"pt-cv-content\">\u00a0 \u00a0 Sentencia T-837\/05 \u00a0 DERECHO A LA SALUD DEL MENOR-Inaplicaci\u00f3n de normas sobre el pago de cuotas de recuperaci\u00f3n para atenci\u00f3n m\u00e9dica en r\u00e9gimen subsidiado \u00a0 El conflicto jur\u00eddico que se presenta entre la protecci\u00f3n del derecho fundamental a la salud de los menores y la necesidad de cubrir las cuotas de recuperaci\u00f3n como requisito para la obtenci\u00f3n de los servicios de salud debe resolverse, en cualquier caso, a favor de la eficacia material de los primeros. No obstante, la misma Sentencia (T-745\/04) se\u00f1al\u00f3 que la procedencia de la inaplicaci\u00f3n de las normas que obligan al pago de cuotas ...<br \/><div class=\"pt-cv-rmwrap\"><a href=\"https:\/\/www.dmsjuridica.com\/buscador_20179478954\/corteconstitucionalcronologico202454587\/t-837-05\/\" class=\"_self pt-cv-readmore btn btn-success\" target=\"_self\">Ver Sentencia Completa...<\/a><\/div><\/div><\/div><\/div>\n<div class=\"col-md-12 col-sm-12 col-xs-12 pt-cv-content-item pt-cv-1-col\" ><div class='pt-cv-ifield'><a href=\"https:\/\/www.dmsjuridica.com\/buscador_20179478954\/corteconstitucionalcronologico202454587\/t-836-05\/\" class=\"_self pt-cv-href-thumbnail pt-cv-thumb-default\" target=\"_self\" ><\/a>\n<div class=\"pt-cv-taxoterm above_title\"><a href='https:\/\/www.dmsjuridica.com\/buscador_20179478954\/corteconstitucionalcronologico202454587\/category\/buscar-en-toda-la-corte\/2005\/tutelas-2005\/' title='Tutelas 2005' class='pt-cv-tax-tutelas-2005'>Tutelas 2005<\/a><\/div>\n<h4 class=\"pt-cv-title\"><a href=\"https:\/\/www.dmsjuridica.com\/buscador_20179478954\/corteconstitucionalcronologico202454587\/t-836-05\/\" class=\"_self\" target=\"_self\" >T-836-05<\/a><\/h4>\n<div class=\"pt-cv-content\">\u00a0 \u00a0 Sentencia T-836\/05 \u00a0 PROTECCION CONSTITUCIONAL A PERSONAS DISCAPACITADAS \u00a0 DERECHO A LA SALUD COMO DERECHO FUNDAMENTAL FRENTE A SUJETOS DE ESPECIAL PROTECCION \u00a0 DERECHO A LA SALUD DEL MENOR DISCAPACITADO-Orden a la EPS para evaluar y determinar tratamiento \u00a0 \u00a0 Referencia: expediente T-1100885 \u00a0 Acci\u00f3n de tutela interpuesta por Lucio Carabali en representaci\u00f3n de su hijo Enrique Carabali Carabali contra COOMEVA E.P.S, Seccional Valle. \u00a0 Magistrada Ponente: \u00a0 Dra. CLARA INES VARGAS HERNANDEZ \u00a0 Bogot\u00e1, D. C., doce (12) de agosto de dos mil cinco (2005) \u00a0 \u00a0 SENTENCIA \u00a0 I. ANTECEDENTES \u00a0 1. \u00a0Hechos planteados en la ...<br \/><div class=\"pt-cv-rmwrap\"><a href=\"https:\/\/www.dmsjuridica.com\/buscador_20179478954\/corteconstitucionalcronologico202454587\/t-836-05\/\" class=\"_self pt-cv-readmore btn btn-success\" target=\"_self\">Ver Sentencia Completa...<\/a><\/div><\/div><\/div><\/div>\n<div class=\"col-md-12 col-sm-12 col-xs-12 pt-cv-content-item pt-cv-1-col\" ><div class='pt-cv-ifield'><a href=\"https:\/\/www.dmsjuridica.com\/buscador_20179478954\/corteconstitucionalcronologico202454587\/t-835-05\/\" class=\"_self pt-cv-href-thumbnail pt-cv-thumb-default\" target=\"_self\" ><\/a>\n<div class=\"pt-cv-taxoterm above_title\"><a href='https:\/\/www.dmsjuridica.com\/buscador_20179478954\/corteconstitucionalcronologico202454587\/category\/buscar-en-toda-la-corte\/2005\/tutelas-2005\/' title='Tutelas 2005' class='pt-cv-tax-tutelas-2005'>Tutelas 2005<\/a><\/div>\n<h4 class=\"pt-cv-title\"><a href=\"https:\/\/www.dmsjuridica.com\/buscador_20179478954\/corteconstitucionalcronologico202454587\/t-835-05\/\" class=\"_self\" target=\"_self\" >T-835-05<\/a><\/h4>\n<div class=\"pt-cv-content\">\u00a0 \u00a0 Sentencia T-835\/05 \u00a0 DERECHO A LA SALUD DEL MENOR-Suministro de medicamentos excluidos del POS para tratamiento de pubertad precoz \u00a0 ACCION DE TUTELA-Improcedencia reembolso de dineros por asunci\u00f3n de costos m\u00e9dicos \u00a0 Referencia: expediente T-1096816 \u00a0 Acci\u00f3n de tutela instaurada por Oscar Felipe Guardo en representaci\u00f3n de su menor hija Lina Fernanda Guardo Guerra contra la EPS Cafesalud Seccional Cartagena. \u00a0 Magistrada Ponente: \u00a0 Dra. CLARA IN\u00c9S VARGAS HERN\u00c1NDEZ \u00a0 Bogot\u00e1, D. C., doce (12) de agosto de dos mil cinco (2005). \u00a0 La Sala Novena de Revisi\u00f3n de la Corte Constitucional, integrada por los Magistrados Clara In\u00e9s ...<br \/><div class=\"pt-cv-rmwrap\"><a href=\"https:\/\/www.dmsjuridica.com\/buscador_20179478954\/corteconstitucionalcronologico202454587\/t-835-05\/\" class=\"_self pt-cv-readmore btn btn-success\" target=\"_self\">Ver Sentencia Completa...<\/a><\/div><\/div><\/div><\/div>\n<div class=\"col-md-12 col-sm-12 col-xs-12 pt-cv-content-item pt-cv-1-col\" ><div class='pt-cv-ifield'><a href=\"https:\/\/www.dmsjuridica.com\/buscador_20179478954\/corteconstitucionalcronologico202454587\/t-834-05\/\" class=\"_self pt-cv-href-thumbnail pt-cv-thumb-default\" target=\"_self\" ><\/a>\n<div class=\"pt-cv-taxoterm above_title\"><a href='https:\/\/www.dmsjuridica.com\/buscador_20179478954\/corteconstitucionalcronologico202454587\/category\/buscar-en-toda-la-corte\/2005\/tutelas-2005\/' title='Tutelas 2005' class='pt-cv-tax-tutelas-2005'>Tutelas 2005<\/a><\/div>\n<h4 class=\"pt-cv-title\"><a href=\"https:\/\/www.dmsjuridica.com\/buscador_20179478954\/corteconstitucionalcronologico202454587\/t-834-05\/\" class=\"_self\" target=\"_self\" >T-834-05<\/a><\/h4>\n<div class=\"pt-cv-content\">\u00a0 \u00a0 Sentencia T-834\/05 \u00a0 ESTABILIDAD LABORAL REFORZADA DE MUJER EMBARAZADA-Elementos f\u00e1cticos que deben demostrarse \u00a0 MADRE CABEZA DE FAMILIA-Presupuestos legales y jurisprudenciales para que una mujer sea considerada como tal\u00a0 \u00a0 LIQUIDACION DE TELECOM-Terminaci\u00f3n del contrato de trabajo a mujer en embarazo fue consecuencia de la liquidaci\u00f3n \u00a0 Frente al tercer requisito c) que el despido sea una consecuencia del embarazo, por ende que el despido no est\u00e1 directamente relacionado con una causal objetiva y relevante que lo justifique. En el presente caso, \u00e9ste requisito no se cumple, por cuanto la terminaci\u00f3n del contrato de trabajo de la se\u00f1ora ...<br \/><div class=\"pt-cv-rmwrap\"><a href=\"https:\/\/www.dmsjuridica.com\/buscador_20179478954\/corteconstitucionalcronologico202454587\/t-834-05\/\" class=\"_self pt-cv-readmore btn btn-success\" target=\"_self\">Ver Sentencia Completa...<\/a><\/div><\/div><\/div><\/div>\n<div class=\"col-md-12 col-sm-12 col-xs-12 pt-cv-content-item pt-cv-1-col\" ><div class='pt-cv-ifield'><a href=\"https:\/\/www.dmsjuridica.com\/buscador_20179478954\/corteconstitucionalcronologico202454587\/t-833-05\/\" class=\"_self pt-cv-href-thumbnail pt-cv-thumb-default\" target=\"_self\" ><\/a>\n<div class=\"pt-cv-taxoterm above_title\"><a href='https:\/\/www.dmsjuridica.com\/buscador_20179478954\/corteconstitucionalcronologico202454587\/category\/buscar-en-toda-la-corte\/2005\/tutelas-2005\/' title='Tutelas 2005' class='pt-cv-tax-tutelas-2005'>Tutelas 2005<\/a><\/div>\n<h4 class=\"pt-cv-title\"><a href=\"https:\/\/www.dmsjuridica.com\/buscador_20179478954\/corteconstitucionalcronologico202454587\/t-833-05\/\" class=\"_self\" target=\"_self\" >T-833-05<\/a><\/h4>\n<div class=\"pt-cv-content\">\u00a0 \u00a0 Sentencia T-833\/05 \u00a0 DERECHO A LA SALUD DE PERSONA DE LA TERCERA EDAD-Suministro de medicamentos excluidos del POS \u00a0 Es evidente que la afectaci\u00f3n del derecho a la salud (f\u00edsica o ps\u00edquica) de las personas de la tercera edad se constituye en un derecho fundamental, pues la falta de suministro de los medicamentos que les permitan recuperarla o mantenerla, produce indudablemente la vulneraci\u00f3n al derecho fundamental a una vida digna y los coloca en una situaci\u00f3n de debilidad manifiesta, raz\u00f3n por la que la acci\u00f3n de tutela est\u00e1 llamada a prosperar para conjurar la violaci\u00f3n de sus derechos ...<br \/><div class=\"pt-cv-rmwrap\"><a href=\"https:\/\/www.dmsjuridica.com\/buscador_20179478954\/corteconstitucionalcronologico202454587\/t-833-05\/\" class=\"_self pt-cv-readmore btn btn-success\" target=\"_self\">Ver Sentencia Completa...<\/a><\/div><\/div><\/div><\/div>\n<div class=\"col-md-12 col-sm-12 col-xs-12 pt-cv-content-item pt-cv-1-col\" ><div class='pt-cv-ifield'><a href=\"https:\/\/www.dmsjuridica.com\/buscador_20179478954\/corteconstitucionalcronologico202454587\/t-832-05\/\" class=\"_self pt-cv-href-thumbnail pt-cv-thumb-default\" target=\"_self\" ><\/a>\n<div class=\"pt-cv-taxoterm above_title\"><a href='https:\/\/www.dmsjuridica.com\/buscador_20179478954\/corteconstitucionalcronologico202454587\/category\/buscar-en-toda-la-corte\/2005\/tutelas-2005\/' title='Tutelas 2005' class='pt-cv-tax-tutelas-2005'>Tutelas 2005<\/a><\/div>\n<h4 class=\"pt-cv-title\"><a href=\"https:\/\/www.dmsjuridica.com\/buscador_20179478954\/corteconstitucionalcronologico202454587\/t-832-05\/\" class=\"_self\" target=\"_self\" >T-832-05<\/a><\/h4>\n<div class=\"pt-cv-content\">\u00a0 \u00a0 Sentencia T-832\/05 \u00a0 DERECHO A LA SALUD DEL SOLDADO RETIRADO-Obligaci\u00f3n de realizar junta m\u00e9dica laboral y de prestar atenci\u00f3n m\u00e9dica \u00a0 Referencia: expedientes T-1122108. \u00a0 Acci\u00f3n de tutela presentada por Luis Carlos Vidal Palechor. \u00a0 Procedencia: Tribunal Superior Sala Civil de Popay\u00e1n. \u00a0 Magistrado Ponente: \u00a0 Dr. ALFREDO BELTR\u00c1N SIERRA. \u00a0 Bogot\u00e1, D. C., once (11) de agosto dos mil cinco (2005). \u00a0 La Sala Segunda (2a.) de Revisi\u00f3n de la Corte Constitucional, integrada por los magistrados, Alfredo Beltr\u00e1n Sierra, Manuel Jos\u00e9 Cepeda Espinosa y Jaime C\u00f3rdoba Trivi\u00f1o, en ejercicio de sus competencias constitucionales y legales ha proferido ...<br \/><div class=\"pt-cv-rmwrap\"><a href=\"https:\/\/www.dmsjuridica.com\/buscador_20179478954\/corteconstitucionalcronologico202454587\/t-832-05\/\" class=\"_self pt-cv-readmore btn btn-success\" target=\"_self\">Ver Sentencia Completa...<\/a><\/div><\/div><\/div><\/div>\n<div class=\"col-md-12 col-sm-12 col-xs-12 pt-cv-content-item pt-cv-1-col\" ><div class='pt-cv-ifield'><a href=\"https:\/\/www.dmsjuridica.com\/buscador_20179478954\/corteconstitucionalcronologico202454587\/t-831-05\/\" class=\"_self pt-cv-href-thumbnail pt-cv-thumb-default\" target=\"_self\" ><\/a>\n<div class=\"pt-cv-taxoterm above_title\"><a href='https:\/\/www.dmsjuridica.com\/buscador_20179478954\/corteconstitucionalcronologico202454587\/category\/buscar-en-toda-la-corte\/2005\/tutelas-2005\/' title='Tutelas 2005' class='pt-cv-tax-tutelas-2005'>Tutelas 2005<\/a><\/div>\n<h4 class=\"pt-cv-title\"><a href=\"https:\/\/www.dmsjuridica.com\/buscador_20179478954\/corteconstitucionalcronologico202454587\/t-831-05\/\" class=\"_self\" target=\"_self\" >T-831-05<\/a><\/h4>\n<div class=\"pt-cv-content\">\u00a0 \u00a0 Sentencia T-831\/05 \u00a0 DERECHO A LA SALUD-Tratamiento de diagn\u00f3stico gen\u00e9tico prescrito no fue dispuesto por m\u00e9dico adscrito a la EPS \u00a0 La Sala concluye que no resulta factible en este caso, acceder al amparo solicitado, no precisamente porque el procedimiento prescrito se encuentre excluido del POS y el derecho invocado no tenga el car\u00e1cter de fundamental, sino porque el tratamiento que solicita la actora, no fue dispuesto por un m\u00e9dico adscrito a la entidad accionada y ese requisito no se puede pretermitir sin mayores disquisiciones, puesto que la relaci\u00f3n paciente-EPS implica que el tratamiento asistencial lo determinen los ...<br \/><div class=\"pt-cv-rmwrap\"><a href=\"https:\/\/www.dmsjuridica.com\/buscador_20179478954\/corteconstitucionalcronologico202454587\/t-831-05\/\" class=\"_self pt-cv-readmore btn btn-success\" target=\"_self\">Ver Sentencia Completa...<\/a><\/div><\/div><\/div><\/div>\n<div class=\"col-md-12 col-sm-12 col-xs-12 pt-cv-content-item pt-cv-1-col\" ><div class='pt-cv-ifield'><a href=\"https:\/\/www.dmsjuridica.com\/buscador_20179478954\/corteconstitucionalcronologico202454587\/t-830-05\/\" class=\"_self pt-cv-href-thumbnail pt-cv-thumb-default\" target=\"_self\" ><\/a>\n<div class=\"pt-cv-taxoterm above_title\"><a href='https:\/\/www.dmsjuridica.com\/buscador_20179478954\/corteconstitucionalcronologico202454587\/category\/buscar-en-toda-la-corte\/2005\/tutelas-2005\/' title='Tutelas 2005' class='pt-cv-tax-tutelas-2005'>Tutelas 2005<\/a><\/div>\n<h4 class=\"pt-cv-title\"><a href=\"https:\/\/www.dmsjuridica.com\/buscador_20179478954\/corteconstitucionalcronologico202454587\/t-830-05\/\" class=\"_self\" target=\"_self\" >T-830-05<\/a><\/h4>\n<div class=\"pt-cv-content\">\u00a0 \u00a0 Sentencia T-830\/05\u00a0 \u00a0 ACCION DE TUTELA TEMERARIA-Inexistencia por presentarse un hecho nuevo \u00a0 La acci\u00f3n de tutela que aqu\u00ed se revisa, adiciona una circunstancia nueva, consistente en la presentaci\u00f3n de una Sentencia de un Juzgado Laboral que reconoce y hace exigible su acreencia. Como se ve, este hecho es nuevo y diferente a las pretensiones expuestas en aquella tutela que se pretende identificar con la que aqu\u00ed se revisa. Si bien guarda relaci\u00f3n con las pretensiones sobre acreencias laborales, lo que aqu\u00ed se estima violado espec\u00edficamente es el derecho al debido proceso, entre otros. All\u00ed las pretensiones no ...<br \/><div class=\"pt-cv-rmwrap\"><a href=\"https:\/\/www.dmsjuridica.com\/buscador_20179478954\/corteconstitucionalcronologico202454587\/t-830-05\/\" class=\"_self pt-cv-readmore btn btn-success\" target=\"_self\">Ver Sentencia Completa...<\/a><\/div><\/div><\/div><\/div>\n<div class=\"col-md-12 col-sm-12 col-xs-12 pt-cv-content-item pt-cv-1-col\" ><div class='pt-cv-ifield'><a href=\"https:\/\/www.dmsjuridica.com\/buscador_20179478954\/corteconstitucionalcronologico202454587\/t-829-05\/\" class=\"_self pt-cv-href-thumbnail pt-cv-thumb-default\" target=\"_self\" ><\/a>\n<div class=\"pt-cv-taxoterm above_title\"><a href='https:\/\/www.dmsjuridica.com\/buscador_20179478954\/corteconstitucionalcronologico202454587\/category\/buscar-en-toda-la-corte\/2005\/tutelas-2005\/' title='Tutelas 2005' class='pt-cv-tax-tutelas-2005'>Tutelas 2005<\/a><\/div>\n<h4 class=\"pt-cv-title\"><a href=\"https:\/\/www.dmsjuridica.com\/buscador_20179478954\/corteconstitucionalcronologico202454587\/t-829-05\/\" class=\"_self\" target=\"_self\" >T-829-05<\/a><\/h4>\n<div class=\"pt-cv-content\">\u00a0 \u00a0 Sentencia T-829\/05 \u00a0 DERECHO A LA PENSION DE INVALIDEZ-Fundamental por conexidad\/ACCION DE TUTELA-Procedencia excepcional para reconocimiento y pago de pensi\u00f3n de invalidez \u00a0 PENSION DE INVALIDEZ-Diferencias entre el r\u00e9gimen com\u00fan y el r\u00e9gimen especial de la Fuerza P\u00fablica no vulnera el derecho a la igualdad \u00a0 REGIMEN ESPECIAL DE LA POLICIA NACIONAL-Modificado por la ley 923 de 2004 respecto al porcentaje exigido para otorgar la pensi\u00f3n de invalidez\/PENSION DE INVALIDEZ EN REGIMEN ESPECIAL DE LA POLICIA NACIONAL-Se reconoce cuando la disminuci\u00f3n de la capacidad laboral sea superior a cincuenta por ciento \u00a0 Aunque el r\u00e9gimen legal anterior no ...<br \/><div class=\"pt-cv-rmwrap\"><a href=\"https:\/\/www.dmsjuridica.com\/buscador_20179478954\/corteconstitucionalcronologico202454587\/t-829-05\/\" class=\"_self pt-cv-readmore btn btn-success\" target=\"_self\">Ver Sentencia Completa...<\/a><\/div><\/div><\/div><\/div>\n<div class=\"col-md-12 col-sm-12 col-xs-12 pt-cv-content-item pt-cv-1-col\" ><div class='pt-cv-ifield'><a href=\"https:\/\/www.dmsjuridica.com\/buscador_20179478954\/corteconstitucionalcronologico202454587\/t-828-05\/\" class=\"_self pt-cv-href-thumbnail pt-cv-thumb-default\" target=\"_self\" ><\/a>\n<div class=\"pt-cv-taxoterm above_title\"><a href='https:\/\/www.dmsjuridica.com\/buscador_20179478954\/corteconstitucionalcronologico202454587\/category\/buscar-en-toda-la-corte\/2005\/tutelas-2005\/' title='Tutelas 2005' class='pt-cv-tax-tutelas-2005'>Tutelas 2005<\/a><\/div>\n<h4 class=\"pt-cv-title\"><a href=\"https:\/\/www.dmsjuridica.com\/buscador_20179478954\/corteconstitucionalcronologico202454587\/t-828-05\/\" class=\"_self\" target=\"_self\" >T-828-05<\/a><\/h4>\n<div class=\"pt-cv-content\">\u00a0 \u00a0 Sentencia T-828\/05 \u00a0 DERECHO A LA SALUD-Cirug\u00eda de by pass g\u00e1strico caso en que a\u00fan no ha sido ordenada \u00a0 -Reiteraci\u00f3n de Jurisprudencia- \u00a0 Referencia: expediente T-1099433 \u00a0 Acci\u00f3n de tutela instaurada por el se\u00f1or Pedro Julio Pezzotti Lemus, contra la Fundaci\u00f3n M\u00e9dico Preventiva. \u00a0 Magistrado Ponente:\u00a0 \u00a0 Dr. HUMBERTO ANTONIO SIERRA PORTO. \u00a0 Bogot\u00e1, D. C., diez (10) de agosto de dos mil cinco (2005). \u00a0 La Sala S\u00e9ptima de Revisi\u00f3n de la Corte Constitucional, integrada por los magistrados Clara In\u00e9s Vargas Hern\u00e1ndez, Alvaro Tafur Galvis y Humberto Sierra Porto, quien la preside, en ejercicio de sus ...<br \/><div class=\"pt-cv-rmwrap\"><a href=\"https:\/\/www.dmsjuridica.com\/buscador_20179478954\/corteconstitucionalcronologico202454587\/t-828-05\/\" class=\"_self pt-cv-readmore btn btn-success\" target=\"_self\">Ver Sentencia Completa...<\/a><\/div><\/div><\/div><\/div>\n<div class=\"col-md-12 col-sm-12 col-xs-12 pt-cv-content-item pt-cv-1-col\" ><div class='pt-cv-ifield'><a href=\"https:\/\/www.dmsjuridica.com\/buscador_20179478954\/corteconstitucionalcronologico202454587\/t-827-05\/\" class=\"_self pt-cv-href-thumbnail pt-cv-thumb-default\" target=\"_self\" ><\/a>\n<div class=\"pt-cv-taxoterm above_title\"><a href='https:\/\/www.dmsjuridica.com\/buscador_20179478954\/corteconstitucionalcronologico202454587\/category\/buscar-en-toda-la-corte\/2005\/tutelas-2005\/' title='Tutelas 2005' class='pt-cv-tax-tutelas-2005'>Tutelas 2005<\/a><\/div>\n<h4 class=\"pt-cv-title\"><a href=\"https:\/\/www.dmsjuridica.com\/buscador_20179478954\/corteconstitucionalcronologico202454587\/t-827-05\/\" class=\"_self\" target=\"_self\" >T-827-05<\/a><\/h4>\n<div class=\"pt-cv-content\">\u00a0 \u00a0 Sentencia T-827\/05 \u00a0 DEBIDO PROCESO PENAL Y PRESUNCION DE INOCENCIA \u00a0 DERECHO A LA PRESUNCION DE INOCENCIA Y RELACION CON LA GARANTIA DE LIBERTAD DEL PROCESADO\/MEDIDA DE ASEGURAMIENTO CON BENEFICIO DE LIBERTAD CONDICIONAL \u00a0 MEDIDAS DE ASEGURAMIENTO Y PRESUNCION DE INOCENCIA \u00a0 MEDIDAS DE ASEGURAMIENTO DE DETENCION PREVENTIVA CON BENEFICIO DE LIBERTAD PROVISIONAL-Interpretaci\u00f3n del numeral 3 de los art\u00edculos 150 de la ley 270\/96 y 79 de la ley 261\/00 \u00a0 MEDIDAS DE ASEGURAMIENTO DE DETENCION PREVENTIVA CON BENEFICIO DE LIBERTAD PROVISIONAL-No proced\u00eda declaratoria de insubsistencia de empleado de la Fiscal\u00eda por encontrarse en esta situaci\u00f3n \u00a0 En ...<br \/><div class=\"pt-cv-rmwrap\"><a href=\"https:\/\/www.dmsjuridica.com\/buscador_20179478954\/corteconstitucionalcronologico202454587\/t-827-05\/\" class=\"_self pt-cv-readmore btn btn-success\" target=\"_self\">Ver Sentencia Completa...<\/a><\/div><\/div><\/div><\/div>\n<div class=\"col-md-12 col-sm-12 col-xs-12 pt-cv-content-item pt-cv-1-col\" ><div class='pt-cv-ifield'><a href=\"https:\/\/www.dmsjuridica.com\/buscador_20179478954\/corteconstitucionalcronologico202454587\/t-826-05\/\" class=\"_self pt-cv-href-thumbnail pt-cv-thumb-default\" target=\"_self\" ><\/a>\n<div class=\"pt-cv-taxoterm above_title\"><a href='https:\/\/www.dmsjuridica.com\/buscador_20179478954\/corteconstitucionalcronologico202454587\/category\/buscar-en-toda-la-corte\/2005\/tutelas-2005\/' title='Tutelas 2005' class='pt-cv-tax-tutelas-2005'>Tutelas 2005<\/a><\/div>\n<h4 class=\"pt-cv-title\"><a href=\"https:\/\/www.dmsjuridica.com\/buscador_20179478954\/corteconstitucionalcronologico202454587\/t-826-05\/\" class=\"_self\" target=\"_self\" >T-826-05<\/a><\/h4>\n<div class=\"pt-cv-content\">\u00a0 \u00a0 Sentencia T-826\/05 \u00a0 DERECHO A LA IGUALDAD-Contenido y alcance \u00a0 Esta Corporaci\u00f3n en abundante jurisprudencia, ha abordado el estudio del derecho a la igualdad, entendido \u00e9ste no como un concepto absoluto, sino como una condici\u00f3n en la que intervienen una serie de factores que determinan un grado de homogeneidad o un grado de diferencia que permiten evaluar si el derecho en s\u00ed ha sido vulnerado, o si por el contrario, sencillamente no es predicable dadas las diferencias existentes entre los comparados. En orden a esto, como se afirm\u00f3 por esta Corporaci\u00f3n, debe aplicarse dentro del estudio de ese ...<br \/><div class=\"pt-cv-rmwrap\"><a href=\"https:\/\/www.dmsjuridica.com\/buscador_20179478954\/corteconstitucionalcronologico202454587\/t-826-05\/\" class=\"_self pt-cv-readmore btn btn-success\" target=\"_self\">Ver Sentencia Completa...<\/a><\/div><\/div><\/div><\/div>\n<div class=\"col-md-12 col-sm-12 col-xs-12 pt-cv-content-item pt-cv-1-col\" ><div class='pt-cv-ifield'><a href=\"https:\/\/www.dmsjuridica.com\/buscador_20179478954\/corteconstitucionalcronologico202454587\/t-825-05\/\" class=\"_self pt-cv-href-thumbnail pt-cv-thumb-default\" target=\"_self\" ><\/a>\n<div class=\"pt-cv-taxoterm above_title\"><a href='https:\/\/www.dmsjuridica.com\/buscador_20179478954\/corteconstitucionalcronologico202454587\/category\/buscar-en-toda-la-corte\/2005\/tutelas-2005\/' title='Tutelas 2005' class='pt-cv-tax-tutelas-2005'>Tutelas 2005<\/a><\/div>\n<h4 class=\"pt-cv-title\"><a href=\"https:\/\/www.dmsjuridica.com\/buscador_20179478954\/corteconstitucionalcronologico202454587\/t-825-05\/\" class=\"_self\" target=\"_self\" >T-825-05<\/a><\/h4>\n<div class=\"pt-cv-content\">\u00a0 \u00a0 Sentencia T-825\/05 \u00a0 LICENCIA DE MATERNIDAD-Reconocimiento y pago \u00a0 LICENCIA DE MATERNIDAD-Pago por allanamiento a la mora por EPS \u00a0 LICENCIA DE MATERNIDAD-T\u00e9rmino para solicitar pago dentro del a\u00f1o siguiente al nacimiento del ni\u00f1o \u00a0 Referencia: expediente T-1139905 \u00a0 Acci\u00f3n de tutela instaurada por Flor Janeth Suesca Garc\u00eda contra COMPENSAR E.P.S. \u00a0 Magistrado Ponente: \u00a0 Dr. ALVARO TAFUR GALVIS \u00a0 Bogot\u00e1, D. C., once (11) de agosto de dos mil cinco (2005). \u00a0 La Sala Octava de Revisi\u00f3n de la Corte Constitucional, integrada por los magistrados Jaime Ara\u00fajo Renter\u00eda, Clara In\u00e9s Vargas Hern\u00e1ndez y \u00c1lvaro Tafur Galvis, en ...<br \/><div class=\"pt-cv-rmwrap\"><a href=\"https:\/\/www.dmsjuridica.com\/buscador_20179478954\/corteconstitucionalcronologico202454587\/t-825-05\/\" class=\"_self pt-cv-readmore btn btn-success\" target=\"_self\">Ver Sentencia Completa...<\/a><\/div><\/div><\/div><\/div>\n<div class=\"col-md-12 col-sm-12 col-xs-12 pt-cv-content-item pt-cv-1-col\" ><div class='pt-cv-ifield'><a href=\"https:\/\/www.dmsjuridica.com\/buscador_20179478954\/corteconstitucionalcronologico202454587\/t-824-05\/\" class=\"_self pt-cv-href-thumbnail pt-cv-thumb-default\" target=\"_self\" ><\/a>\n<div class=\"pt-cv-taxoterm above_title\"><a href='https:\/\/www.dmsjuridica.com\/buscador_20179478954\/corteconstitucionalcronologico202454587\/category\/buscar-en-toda-la-corte\/2005\/tutelas-2005\/' title='Tutelas 2005' class='pt-cv-tax-tutelas-2005'>Tutelas 2005<\/a><\/div>\n<h4 class=\"pt-cv-title\"><a href=\"https:\/\/www.dmsjuridica.com\/buscador_20179478954\/corteconstitucionalcronologico202454587\/t-824-05\/\" class=\"_self\" target=\"_self\" >T-824-05<\/a><\/h4>\n<div class=\"pt-cv-content\">\u00a0 \u00a0 Sentencia T-824\/05 \u00a0 INTERRUPCION DEL PROCESO POR ENFERMEDAD DEL APODERADO-Procedencia \u00a0 El proceso ten\u00eda que haberse interrumpido y la nulidad declarado, en consideraci\u00f3n a que durante la incapacidad de quien ostenta la defensa de alguna de las partes \u201cno correr\u00e1n t\u00e9rminos y no podr\u00e1 ejecutarse ning\u00fan acto procesal, con excepci\u00f3n de las medidas urgentes y de aseguramiento\u201d, y en raz\u00f3n de que lo acontecido entre el 3 y el 6 de marzo de 2003 dentro del proceso de Nulidad y Restablecimiento del Derecho varias veces referido no tiene validez, por el estado de indefensi\u00f3n a que fue sometida ...<br \/><div class=\"pt-cv-rmwrap\"><a href=\"https:\/\/www.dmsjuridica.com\/buscador_20179478954\/corteconstitucionalcronologico202454587\/t-824-05\/\" class=\"_self pt-cv-readmore btn btn-success\" target=\"_self\">Ver Sentencia Completa...<\/a><\/div><\/div><\/div><\/div>\n<div class=\"col-md-12 col-sm-12 col-xs-12 pt-cv-content-item pt-cv-1-col\" ><div class='pt-cv-ifield'><a href=\"https:\/\/www.dmsjuridica.com\/buscador_20179478954\/corteconstitucionalcronologico202454587\/t-817-05\/\" class=\"_self pt-cv-href-thumbnail pt-cv-thumb-default\" target=\"_self\" ><\/a>\n<div class=\"pt-cv-taxoterm above_title\"><a href='https:\/\/www.dmsjuridica.com\/buscador_20179478954\/corteconstitucionalcronologico202454587\/category\/buscar-en-toda-la-corte\/2005\/tutelas-2005\/' title='Tutelas 2005' class='pt-cv-tax-tutelas-2005'>Tutelas 2005<\/a><\/div>\n<h4 class=\"pt-cv-title\"><a href=\"https:\/\/www.dmsjuridica.com\/buscador_20179478954\/corteconstitucionalcronologico202454587\/t-817-05\/\" class=\"_self\" target=\"_self\" >T-817-05<\/a><\/h4>\n<div class=\"pt-cv-content\">\u00a0 \u00a0 Sentencia T-817\/05 \u00a0 ACCION DE TUTELA CONTRA COMISION INTERINSTITUCIONAL DE LA RAMA JUDICIAL-Carencia actual de objeto \u00a0 Referencia: expediente T-1093362 \u00a0 Acci\u00f3n de tutela instaurada por Orlando Cuello G\u00e1mez contra la Comisi\u00f3n Interinstitucional de la Rama Judicial. \u00a0 Magistrado Ponente: \u00a0 \u00a0 Dr. JAIME C\u00d3RDOBA TRIVI\u00d1O \u00a0 \u00a0 \u00a0 \u00a0 \u00a0 Bogot\u00e1, D. C., nueve (9) de agosto de dos mil cinco (2005) \u00a0 La Sala Cuarta de Revisi\u00f3n de la Corte Constitucional, en ejercicio de sus competencias constitucionales y legales, espec\u00edficamente de las previstas en los art\u00edculos 86 y 241 numeral 9 de la Constituci\u00f3n Pol\u00edtica y ...<br \/><div class=\"pt-cv-rmwrap\"><a href=\"https:\/\/www.dmsjuridica.com\/buscador_20179478954\/corteconstitucionalcronologico202454587\/t-817-05\/\" class=\"_self pt-cv-readmore btn btn-success\" target=\"_self\">Ver Sentencia Completa...<\/a><\/div><\/div><\/div><\/div>\n<div class=\"col-md-12 col-sm-12 col-xs-12 pt-cv-content-item pt-cv-1-col\" ><div class='pt-cv-ifield'><a href=\"https:\/\/www.dmsjuridica.com\/buscador_20179478954\/corteconstitucionalcronologico202454587\/t-816-05\/\" class=\"_self pt-cv-href-thumbnail pt-cv-thumb-default\" target=\"_self\" ><\/a>\n<div class=\"pt-cv-taxoterm above_title\"><a href='https:\/\/www.dmsjuridica.com\/buscador_20179478954\/corteconstitucionalcronologico202454587\/category\/buscar-en-toda-la-corte\/2005\/tutelas-2005\/' title='Tutelas 2005' class='pt-cv-tax-tutelas-2005'>Tutelas 2005<\/a><\/div>\n<h4 class=\"pt-cv-title\"><a href=\"https:\/\/www.dmsjuridica.com\/buscador_20179478954\/corteconstitucionalcronologico202454587\/t-816-05\/\" class=\"_self\" target=\"_self\" >T-816-05<\/a><\/h4>\n<div class=\"pt-cv-content\">\u00a0 \u00a0 Sentencia T-816\/05 \u00a0 ESCUELA NACIONAL DE POLICIA Y PRINCIPIO DE AUTONOMIA UNIVERSITARIA \u00a0 La Escuela Nacional de Polic\u00eda \u201cGeneral Santander\u201d es una instituci\u00f3n de Educaci\u00f3n Superior cobijada por el principio de autonom\u00eda universitaria. De acuerdo con \u00e9ste, seg\u00fan lo ha se\u00f1alado la Corte en m\u00faltiples ocasiones, goza de capacidad para autodeterminarse y cumplir con la misi\u00f3n y objetivos que le son propios y que, en el caso concreto de esta entidad, tendr\u00e1n que ver, sin duda alguna, con los principios que rigen la actividad policiva. Esta autonom\u00eda implica libertad de regular las relaciones que surgen en desarrollo de ...<br \/><div class=\"pt-cv-rmwrap\"><a href=\"https:\/\/www.dmsjuridica.com\/buscador_20179478954\/corteconstitucionalcronologico202454587\/t-816-05\/\" class=\"_self pt-cv-readmore btn btn-success\" target=\"_self\">Ver Sentencia Completa...<\/a><\/div><\/div><\/div><\/div>\n<div class=\"col-md-12 col-sm-12 col-xs-12 pt-cv-content-item pt-cv-1-col\" ><div class='pt-cv-ifield'><a href=\"https:\/\/www.dmsjuridica.com\/buscador_20179478954\/corteconstitucionalcronologico202454587\/t-815-05\/\" class=\"_self pt-cv-href-thumbnail pt-cv-thumb-default\" target=\"_self\" ><\/a>\n<div class=\"pt-cv-taxoterm above_title\"><a href='https:\/\/www.dmsjuridica.com\/buscador_20179478954\/corteconstitucionalcronologico202454587\/category\/buscar-en-toda-la-corte\/2005\/tutelas-2005\/' title='Tutelas 2005' class='pt-cv-tax-tutelas-2005'>Tutelas 2005<\/a><\/div>\n<h4 class=\"pt-cv-title\"><a href=\"https:\/\/www.dmsjuridica.com\/buscador_20179478954\/corteconstitucionalcronologico202454587\/t-815-05\/\" class=\"_self\" target=\"_self\" >T-815-05<\/a><\/h4>\n<div class=\"pt-cv-content\">\u00a0 \u00a0 Sentencia T-815\/05 \u00a0 DERECHO A LA SALUD DEL MENOR-Afiliado a ARS a quien se ha brindado atenci\u00f3n \u00a0 DERECHO A LA SALUD DEL MENOR EN REGIMEN SUBSIDIADO-No exigencia de copagos \u00a0 Referencia: expediente T-1098841. \u00a0 Acci\u00f3n de tutela instaurada por Gricel Bellido Garc\u00eda, en nombre de su menor hijo Gustavo Adolfo Ripoll Bellido, contra la Secretar\u00eda Seccional de Salud de Bol\u00edvar, con citaci\u00f3n oficiosa de la Alcald\u00eda y la Secretar\u00eda de Salud del Municipio de Clemencia y la ARS COOSALUD. \u00a0 Magistrado Ponente: \u00a0 Dr. JAIME ARA\u00daJO RENTER\u00cdA \u00a0 Bogot\u00e1 D. C.,ocho (8) de agosto de dos mil ...<br \/><div class=\"pt-cv-rmwrap\"><a href=\"https:\/\/www.dmsjuridica.com\/buscador_20179478954\/corteconstitucionalcronologico202454587\/t-815-05\/\" class=\"_self pt-cv-readmore btn btn-success\" target=\"_self\">Ver Sentencia Completa...<\/a><\/div><\/div><\/div><\/div>\n<div class=\"col-md-12 col-sm-12 col-xs-12 pt-cv-content-item pt-cv-1-col\" ><div class='pt-cv-ifield'><a href=\"https:\/\/www.dmsjuridica.com\/buscador_20179478954\/corteconstitucionalcronologico202454587\/t-814-05\/\" class=\"_self pt-cv-href-thumbnail pt-cv-thumb-default\" target=\"_self\" ><\/a>\n<div class=\"pt-cv-taxoterm above_title\"><a href='https:\/\/www.dmsjuridica.com\/buscador_20179478954\/corteconstitucionalcronologico202454587\/category\/buscar-en-toda-la-corte\/2005\/tutelas-2005\/' title='Tutelas 2005' class='pt-cv-tax-tutelas-2005'>Tutelas 2005<\/a><\/div>\n<h4 class=\"pt-cv-title\"><a href=\"https:\/\/www.dmsjuridica.com\/buscador_20179478954\/corteconstitucionalcronologico202454587\/t-814-05\/\" class=\"_self\" target=\"_self\" >T-814-05<\/a><\/h4>\n<div class=\"pt-cv-content\">\u00a0 \u00a0 Sentencia T-814\/05 \u00a0 AUXILIO DE SUBSISTENCIA-Previsto en Dec 2681\/03 \u00a0 DERECHO DE PETICION-Alcance y contenido\u00a0 \u00a0 PROGRAMA DE AUXILIOS PARA ANCIANOS INDIGENTES-Admisi\u00f3n \u00a0 Los procesos de reconocimiento y asignaci\u00f3n de los subsidios deben tramitarse respetando la igualdad y el debido proceso de quienes han solicitado las prestaciones que ofrece el sistema de seguridad social. En este orden de ideas, la Corte Constitucional estableci\u00f3 las exigencias a las cuales deben atender las autoridades encargadas de tramitar las solicitudes de auxilio: \u201c1) el deber de precisar, mediante una definici\u00f3n clara, los elementos que constituyen el supuesto de hecho para reconocer ...<br \/><div class=\"pt-cv-rmwrap\"><a href=\"https:\/\/www.dmsjuridica.com\/buscador_20179478954\/corteconstitucionalcronologico202454587\/t-814-05\/\" class=\"_self pt-cv-readmore btn btn-success\" target=\"_self\">Ver Sentencia Completa...<\/a><\/div><\/div><\/div><\/div>\n<div class=\"col-md-12 col-sm-12 col-xs-12 pt-cv-content-item pt-cv-1-col\" ><div class='pt-cv-ifield'><a href=\"https:\/\/www.dmsjuridica.com\/buscador_20179478954\/corteconstitucionalcronologico202454587\/t-813-05\/\" class=\"_self pt-cv-href-thumbnail pt-cv-thumb-default\" target=\"_self\" ><\/a>\n<div class=\"pt-cv-taxoterm above_title\"><a href='https:\/\/www.dmsjuridica.com\/buscador_20179478954\/corteconstitucionalcronologico202454587\/category\/buscar-en-toda-la-corte\/2005\/tutelas-2005\/' title='Tutelas 2005' class='pt-cv-tax-tutelas-2005'>Tutelas 2005<\/a><\/div>\n<h4 class=\"pt-cv-title\"><a href=\"https:\/\/www.dmsjuridica.com\/buscador_20179478954\/corteconstitucionalcronologico202454587\/t-813-05\/\" class=\"_self\" target=\"_self\" >T-813-05<\/a><\/h4>\n<div class=\"pt-cv-content\">\u00a0 \u00a0 Sentencia T-813\/05 \u00a0 IMPEDIMENTO DE MAGISTRADO-No aceptaci\u00f3n por efectos erga omnes de sentencias de constitucionalidad sobre la materia \u00a0 El impedimento no es aceptado por los restantes miembros de la Sala Primera de Revisi\u00f3n de Tutelas de la Corte Constitucional, en la misma fecha de su ratificaci\u00f3n y dentro de la misma Sala, como cuesti\u00f3n previa a la adopci\u00f3n de cualquier decisi\u00f3n sobre el fondo del asunto, de lo cual se deja constancia en esta misma providencia, con fundamento en las siguientes razones: i) la Corte Constitucional ha tomado decisiones en dos oportunidades en relaci\u00f3n con la materia ...<br \/><div class=\"pt-cv-rmwrap\"><a href=\"https:\/\/www.dmsjuridica.com\/buscador_20179478954\/corteconstitucionalcronologico202454587\/t-813-05\/\" class=\"_self pt-cv-readmore btn btn-success\" target=\"_self\">Ver Sentencia Completa...<\/a><\/div><\/div><\/div><\/div>\n<div class=\"col-md-12 col-sm-12 col-xs-12 pt-cv-content-item pt-cv-1-col\" ><div class='pt-cv-ifield'><a href=\"https:\/\/www.dmsjuridica.com\/buscador_20179478954\/corteconstitucionalcronologico202454587\/t-812-05\/\" class=\"_self pt-cv-href-thumbnail pt-cv-thumb-default\" target=\"_self\" ><\/a>\n<div class=\"pt-cv-taxoterm above_title\"><a href='https:\/\/www.dmsjuridica.com\/buscador_20179478954\/corteconstitucionalcronologico202454587\/category\/buscar-en-toda-la-corte\/2005\/tutelas-2005\/' title='Tutelas 2005' class='pt-cv-tax-tutelas-2005'>Tutelas 2005<\/a><\/div>\n<h4 class=\"pt-cv-title\"><a href=\"https:\/\/www.dmsjuridica.com\/buscador_20179478954\/corteconstitucionalcronologico202454587\/t-812-05\/\" class=\"_self\" target=\"_self\" >T-812-05<\/a><\/h4>\n<div class=\"pt-cv-content\">\u00a0 \u00a0 Sentencia T-812\/05 \u00a0 ACCION DE TUTELA TEMERARIA-Elementos para su configuraci\u00f3n\/ACCION DE TUTELA TEMERARIA-Improcedencia de la acci\u00f3n respecto de una sola pretensi\u00f3n\u00a0 \u00a0 ACCION DE TUTELA CONTRA PROVIDENCIAS JUDICIALES-Clases de defectos \u00a0 ACCION DE TUTELA CONTRA PROVIDENCIAS JUDICIALES-Procedencia excepcional y subsidiaria \u00a0 ACCION DE TUTELA CONTRA PROVIDENCIAS JUDICIALES-Improcedencia por no ejercicio oportuno de mecanismo de defensa judicial \u00a0 Referencia: expediente T-1090409. \u00a0 Accionante: Amparo Salas Arcos.\u00a0 \u00a0 Demandados: Sala Civil Familia del Tribunal Superior del Distrito Judicial de Pasto y Juzgado Primero Civil del Circuito de Pasto. \u00a0 Magistrado Ponente:\u00a0 \u00a0 Dr. RODRIGO ESCOBAR GIL \u00a0 Bogot\u00e1, D.C., cinco ...<br \/><div class=\"pt-cv-rmwrap\"><a href=\"https:\/\/www.dmsjuridica.com\/buscador_20179478954\/corteconstitucionalcronologico202454587\/t-812-05\/\" class=\"_self pt-cv-readmore btn btn-success\" target=\"_self\">Ver Sentencia Completa...<\/a><\/div><\/div><\/div><\/div>\n<div class=\"col-md-12 col-sm-12 col-xs-12 pt-cv-content-item pt-cv-1-col\" ><div class='pt-cv-ifield'><a href=\"https:\/\/www.dmsjuridica.com\/buscador_20179478954\/corteconstitucionalcronologico202454587\/t-811-05\/\" class=\"_self pt-cv-href-thumbnail pt-cv-thumb-default\" target=\"_self\" ><\/a>\n<div class=\"pt-cv-taxoterm above_title\"><a href='https:\/\/www.dmsjuridica.com\/buscador_20179478954\/corteconstitucionalcronologico202454587\/category\/buscar-en-toda-la-corte\/2005\/tutelas-2005\/' title='Tutelas 2005' class='pt-cv-tax-tutelas-2005'>Tutelas 2005<\/a><\/div>\n<h4 class=\"pt-cv-title\"><a href=\"https:\/\/www.dmsjuridica.com\/buscador_20179478954\/corteconstitucionalcronologico202454587\/t-811-05\/\" class=\"_self\" target=\"_self\" >T-811-05<\/a><\/h4>\n<div class=\"pt-cv-content\">\u00a0 \u00a0 Sentencia T-811\/05 \u00a0 ACCION DE TUTELA CONTRA PROVIDENCIAS JUDICIALES-Inexistencia de otro mecanismo de protecci\u00f3n judicial \u00a0 La Sala de Revisi\u00f3n encuentra que no cabe ning\u00fan recurso diferente a los interpuestos por el accionante para la protecci\u00f3n de sus derechos fundamentales presuntamente vulnerados por la sentencia proferida por el Tribunal Superior del Distrito de Neiva \u2013Sala Cuarta de Decisi\u00f3n Civil Familia Laboral-. Lo anterior, puesto que no procede el recurso extraordinario de casaci\u00f3n ya que la cuant\u00eda de las pretensiones de la demanda del proceso ordinario es menor a la estipulada en el C\u00f3digo de Procedimiento Civil \u00a0como requisito ...<br \/><div class=\"pt-cv-rmwrap\"><a href=\"https:\/\/www.dmsjuridica.com\/buscador_20179478954\/corteconstitucionalcronologico202454587\/t-811-05\/\" class=\"_self pt-cv-readmore btn btn-success\" target=\"_self\">Ver Sentencia Completa...<\/a><\/div><\/div><\/div><\/div>\n<div class=\"col-md-12 col-sm-12 col-xs-12 pt-cv-content-item pt-cv-1-col\" ><div class='pt-cv-ifield'><a href=\"https:\/\/www.dmsjuridica.com\/buscador_20179478954\/corteconstitucionalcronologico202454587\/t-810-05\/\" class=\"_self pt-cv-href-thumbnail pt-cv-thumb-default\" target=\"_self\" ><\/a>\n<div class=\"pt-cv-taxoterm above_title\"><a href='https:\/\/www.dmsjuridica.com\/buscador_20179478954\/corteconstitucionalcronologico202454587\/category\/buscar-en-toda-la-corte\/2005\/tutelas-2005\/' title='Tutelas 2005' class='pt-cv-tax-tutelas-2005'>Tutelas 2005<\/a><\/div>\n<h4 class=\"pt-cv-title\"><a href=\"https:\/\/www.dmsjuridica.com\/buscador_20179478954\/corteconstitucionalcronologico202454587\/t-810-05\/\" class=\"_self\" target=\"_self\" >T-810-05<\/a><\/h4>\n<div class=\"pt-cv-content\">\u00a0 \u00a0 Sentencia T-810\/05 \u00a0 DERECHO A LA SALUD-Suministro de medicamentos \u00a0 DERECHO A LA SALUD-En caso de suministro de medicamentos no puede considerarse que no est\u00e1 probada la necesidad del medicamento\/DERECHO A LA SALUD-En caso de suministro de medicamentos no puede alegarse que no se cumplieron requisitos de Resoluci\u00f3n No. 5061\/97 ya subrogada \u00a0 Es inaceptable considerar que no est\u00e1 probada la necesidad de un medicamento ordenado por un medico tratante, como lo hizo la EPS, en raz\u00f3n a que no se cumplieron los requisitos establecidos por la Resoluci\u00f3n 5061 de 1997 (que el m\u00e9dico tratante deje constancia de ...<br \/><div class=\"pt-cv-rmwrap\"><a href=\"https:\/\/www.dmsjuridica.com\/buscador_20179478954\/corteconstitucionalcronologico202454587\/t-810-05\/\" class=\"_self pt-cv-readmore btn btn-success\" target=\"_self\">Ver Sentencia Completa...<\/a><\/div><\/div><\/div><\/div>\n<div class=\"col-md-12 col-sm-12 col-xs-12 pt-cv-content-item pt-cv-1-col\" ><div class='pt-cv-ifield'><a href=\"https:\/\/www.dmsjuridica.com\/buscador_20179478954\/corteconstitucionalcronologico202454587\/t-809-05\/\" class=\"_self pt-cv-href-thumbnail pt-cv-thumb-default\" target=\"_self\" ><\/a>\n<div class=\"pt-cv-taxoterm above_title\"><a href='https:\/\/www.dmsjuridica.com\/buscador_20179478954\/corteconstitucionalcronologico202454587\/category\/buscar-en-toda-la-corte\/2005\/tutelas-2005\/' title='Tutelas 2005' class='pt-cv-tax-tutelas-2005'>Tutelas 2005<\/a><\/div>\n<h4 class=\"pt-cv-title\"><a href=\"https:\/\/www.dmsjuridica.com\/buscador_20179478954\/corteconstitucionalcronologico202454587\/t-809-05\/\" class=\"_self\" target=\"_self\" >T-809-05<\/a><\/h4>\n<div class=\"pt-cv-content\">\u00a0 \u00a0 Sentencia T-809\/05 \u00a0 ACCION DE TUTELA CONTRA PROVIDENCIAS JUDICIALES-Evoluci\u00f3n jurisprudencial \u00a0 FUERO SINDICAL-Alcance y l\u00edmites cuando una instituci\u00f3n p\u00fablica ha decidido suprimir planta de personal \u00a0 Dadas las particularidades del caso, en este proceso lo que se puede observar es que la creaci\u00f3n del sindicato no tiene por fin fortalecer la posici\u00f3n de los trabajadores para entrar a debatir sobre las condiciones de trabajo con la administraci\u00f3n. De hecho, como la planta fue suprimida dichas condiciones tambi\u00e9n est\u00e1n llamadas a desaparecer. Con la creaci\u00f3n del sindicato mencionado se pretendi\u00f3 asegurar a los afiliados una protecci\u00f3n temporal de sus ...<br \/><div class=\"pt-cv-rmwrap\"><a href=\"https:\/\/www.dmsjuridica.com\/buscador_20179478954\/corteconstitucionalcronologico202454587\/t-809-05\/\" class=\"_self pt-cv-readmore btn btn-success\" target=\"_self\">Ver Sentencia Completa...<\/a><\/div><\/div><\/div><\/div>\n<div class=\"col-md-12 col-sm-12 col-xs-12 pt-cv-content-item pt-cv-1-col\" ><div class='pt-cv-ifield'><a href=\"https:\/\/www.dmsjuridica.com\/buscador_20179478954\/corteconstitucionalcronologico202454587\/t-808-05\/\" class=\"_self pt-cv-href-thumbnail pt-cv-thumb-default\" target=\"_self\" ><\/a>\n<div class=\"pt-cv-taxoterm above_title\"><a href='https:\/\/www.dmsjuridica.com\/buscador_20179478954\/corteconstitucionalcronologico202454587\/category\/buscar-en-toda-la-corte\/2005\/tutelas-2005\/' title='Tutelas 2005' class='pt-cv-tax-tutelas-2005'>Tutelas 2005<\/a><\/div>\n<h4 class=\"pt-cv-title\"><a href=\"https:\/\/www.dmsjuridica.com\/buscador_20179478954\/corteconstitucionalcronologico202454587\/t-808-05\/\" class=\"_self\" target=\"_self\" >T-808-05<\/a><\/h4>\n<div class=\"pt-cv-content\">\u00a0 \u00a0 Sentencia T-808\/05 \u00a0 ACCION DE TUTELA-Fallecimiento del actor no exime pronunciamiento de fondo\u00a0 \u00a0 ENTIDAD PROMOTORA DE SALUD-No imposici\u00f3n general semanas m\u00e1ximas de cotizaci\u00f3n por enfermedades de alto costo \u00a0 Referencia: expediente T-1098062 \u00a0 Acci\u00f3n de tutela interpuesta por Jaime Alarc\u00f3n Triana contra COOMEVA E.P.S. \u00a0 Magistrado Ponente:\u00a0 \u00a0 Dr. JAIME C\u00d3RDOBA TRIVI\u00d1O \u00a0 Bogot\u00e1, D. C., cinco (5) de agosto de dos mil cinco (2005). \u00a0 La Sala Cuarta de Revisi\u00f3n de la Corte Constitucional, integrada por los magistrados Jaime C\u00f3rdoba Trivi\u00f1o, Rodrigo Escobar Gil y Marco Gerardo Monroy Cabra, en ejercicio de sus competencias constitucionales y ...<br \/><div class=\"pt-cv-rmwrap\"><a href=\"https:\/\/www.dmsjuridica.com\/buscador_20179478954\/corteconstitucionalcronologico202454587\/t-808-05\/\" class=\"_self pt-cv-readmore btn btn-success\" target=\"_self\">Ver Sentencia Completa...<\/a><\/div><\/div><\/div><\/div>\n<div class=\"col-md-12 col-sm-12 col-xs-12 pt-cv-content-item pt-cv-1-col\" ><div class='pt-cv-ifield'><a href=\"https:\/\/www.dmsjuridica.com\/buscador_20179478954\/corteconstitucionalcronologico202454587\/t-807-05\/\" class=\"_self pt-cv-href-thumbnail pt-cv-thumb-default\" target=\"_self\" ><\/a>\n<div class=\"pt-cv-taxoterm above_title\"><a href='https:\/\/www.dmsjuridica.com\/buscador_20179478954\/corteconstitucionalcronologico202454587\/category\/buscar-en-toda-la-corte\/2005\/tutelas-2005\/' title='Tutelas 2005' class='pt-cv-tax-tutelas-2005'>Tutelas 2005<\/a><\/div>\n<h4 class=\"pt-cv-title\"><a href=\"https:\/\/www.dmsjuridica.com\/buscador_20179478954\/corteconstitucionalcronologico202454587\/t-807-05\/\" class=\"_self\" target=\"_self\" >T-807-05<\/a><\/h4>\n<div class=\"pt-cv-content\">\u00a0 \u00a0 Sentencia T-807\/05 \u00a0 PRESCRIPCION DE MESADA PENSIONAL-Caso en que fueron dejadas de cobrar por el demandante\/ACCION DE TUTELA-Improcedencia por no afectaci\u00f3n del m\u00ednimo vital al haber dejado de cobrar mesadas pensionales \u00a0 Lo que protege la tutela, la raz\u00f3n por la cual puede desplazar mecanismos judiciales especializados, es la inminencia de resolver una necesidad vital urgente, la cual se entiende satisfecha en principio y salvo prueba en contrario, con la reactivaci\u00f3n del pago de la mesada pensional. Para adoptar una decisi\u00f3n en contrario, corresponder\u00eda al actor demostrar que el pago de las sumas adeudadas era urgente para la ...<br \/><div class=\"pt-cv-rmwrap\"><a href=\"https:\/\/www.dmsjuridica.com\/buscador_20179478954\/corteconstitucionalcronologico202454587\/t-807-05\/\" class=\"_self pt-cv-readmore btn btn-success\" target=\"_self\">Ver Sentencia Completa...<\/a><\/div><\/div><\/div><\/div>\n<div class=\"col-md-12 col-sm-12 col-xs-12 pt-cv-content-item pt-cv-1-col\" ><div class='pt-cv-ifield'><a href=\"https:\/\/www.dmsjuridica.com\/buscador_20179478954\/corteconstitucionalcronologico202454587\/t-806-05\/\" class=\"_self pt-cv-href-thumbnail pt-cv-thumb-default\" target=\"_self\" ><\/a>\n<div class=\"pt-cv-taxoterm above_title\"><a href='https:\/\/www.dmsjuridica.com\/buscador_20179478954\/corteconstitucionalcronologico202454587\/category\/buscar-en-toda-la-corte\/2005\/tutelas-2005\/' title='Tutelas 2005' class='pt-cv-tax-tutelas-2005'>Tutelas 2005<\/a><\/div>\n<h4 class=\"pt-cv-title\"><a href=\"https:\/\/www.dmsjuridica.com\/buscador_20179478954\/corteconstitucionalcronologico202454587\/t-806-05\/\" class=\"_self\" target=\"_self\" >T-806-05<\/a><\/h4>\n<div class=\"pt-cv-content\">\u00a0 \u00a0 Sentencia T-806\/05 \u00a0 AUTONOMIA UNIVERSITARIA-L\u00edmites \u00a0 PROCESO DISCIPLINARIO EN UNIVERSIDAD-Garant\u00eda del debido proceso y del derecho de defensa \u00a0 Los dos aspectos del debido proceso se\u00f1alados, vale decir \u00a0(i) el principio de legalidad materializado en la determinaci\u00f3n de la falta y de la correspondiente sanci\u00f3n, y (ii) la necesaria preexistencia de un procedimiento, han sido ratificados en la jurisprudencia de esta Corporaci\u00f3n como los elementos m\u00ednimos estructurantes de un debido proceso sancionatorio en reglamentos universitarios. En cuanto al derecho de defensa, eje sobre el cual gravita la argumentaci\u00f3n de la demandante y las motivaciones de los fallos de ...<br \/><div class=\"pt-cv-rmwrap\"><a href=\"https:\/\/www.dmsjuridica.com\/buscador_20179478954\/corteconstitucionalcronologico202454587\/t-806-05\/\" class=\"_self pt-cv-readmore btn btn-success\" target=\"_self\">Ver Sentencia Completa...<\/a><\/div><\/div><\/div><\/div>\n<div class=\"col-md-12 col-sm-12 col-xs-12 pt-cv-content-item pt-cv-1-col\" ><div class='pt-cv-ifield'><a href=\"https:\/\/www.dmsjuridica.com\/buscador_20179478954\/corteconstitucionalcronologico202454587\/t-805-05\/\" class=\"_self pt-cv-href-thumbnail pt-cv-thumb-default\" target=\"_self\" ><\/a>\n<div class=\"pt-cv-taxoterm above_title\"><a href='https:\/\/www.dmsjuridica.com\/buscador_20179478954\/corteconstitucionalcronologico202454587\/category\/buscar-en-toda-la-corte\/2005\/tutelas-2005\/' title='Tutelas 2005' class='pt-cv-tax-tutelas-2005'>Tutelas 2005<\/a><\/div>\n<h4 class=\"pt-cv-title\"><a href=\"https:\/\/www.dmsjuridica.com\/buscador_20179478954\/corteconstitucionalcronologico202454587\/t-805-05\/\" class=\"_self\" target=\"_self\" >T-805-05<\/a><\/h4>\n<div class=\"pt-cv-content\">DERECHO A LA SALUD-Pr\u00e1ctica de cirug\u00eda \u00a0 DERECHO A LA SALUD-No pr\u00e1ctica de cirug\u00eda por falta de semanas cotizadas \u00a0 DERECHO A LA SALUD DE PERSONA DE LA TERCERA EDAD-No se pueden oponer periodos m\u00ednimos de cotizaci\u00f3n \u00a0 Referencia: expediente T-1029785 \u00a0 Peticionaria: Nieves de Jes\u00fas Bedoya Berrio\u00a0 \u00a0 Accionado: Coomeva EPS \u00a0 Magistrado Ponente:\u00a0 \u00a0 Dr. MARCO GERARDO MONROY CABRA \u00a0 Bogot\u00e1 D.C, cuatro (4) de agosto de dos mil cinco (2005) \u00a0 La Sala Sexta de Revisi\u00f3n de la Corte Constitucional, integrada por los Magistrados Humberto Antonio Sierra Porto, \u00c1lvaro Tafur Galvis y Marco Gerardo Monroy Cabra, quien ...<br \/><div class=\"pt-cv-rmwrap\"><a href=\"https:\/\/www.dmsjuridica.com\/buscador_20179478954\/corteconstitucionalcronologico202454587\/t-805-05\/\" class=\"_self pt-cv-readmore btn btn-success\" target=\"_self\">Ver Sentencia Completa...<\/a><\/div><\/div><\/div><\/div>\n<div class=\"col-md-12 col-sm-12 col-xs-12 pt-cv-content-item pt-cv-1-col\" ><div class='pt-cv-ifield'><a href=\"https:\/\/www.dmsjuridica.com\/buscador_20179478954\/corteconstitucionalcronologico202454587\/t-804-05\/\" class=\"_self pt-cv-href-thumbnail pt-cv-thumb-default\" target=\"_self\" ><\/a>\n<div class=\"pt-cv-taxoterm above_title\"><a href='https:\/\/www.dmsjuridica.com\/buscador_20179478954\/corteconstitucionalcronologico202454587\/category\/buscar-en-toda-la-corte\/2005\/tutelas-2005\/' title='Tutelas 2005' class='pt-cv-tax-tutelas-2005'>Tutelas 2005<\/a><\/div>\n<h4 class=\"pt-cv-title\"><a href=\"https:\/\/www.dmsjuridica.com\/buscador_20179478954\/corteconstitucionalcronologico202454587\/t-804-05\/\" class=\"_self\" target=\"_self\" >T-804-05<\/a><\/h4>\n<div class=\"pt-cv-content\">\u00a0 \u00a0 Sentencia T-804\/05 \u00a0 INSUBSISTENCIA EN CARGO EN PROVISIONALIDAD DE LA FISCALIA GENERAL DE LA NACION-Procedencia de tutela \u00a0 DERECHO A LA ESTABILIDAD LABORAL-Cargos de carrera administrativa\/DERECHO A LA ESTABILIDAD LABORAL-No se reduce por ocupar cargo de carrera administrativa en provisionalidad cuando no se ha hecho concurso \u00a0 DEBIDO PROCESO ADMINISTRATIVO-Vulneraci\u00f3n por no motivaci\u00f3n de acto de retiro del servicio \u00a0 Referencia: expediente T-1073534 \u00a0 Peticionario: \u00a0M\u00f3nica Montalvo Mej\u00eda \u00a0 Magistrado Ponente: \u00a0 Dr. ALFREDO BELTR\u00c1N SIERRA \u00a0 Bogot\u00e1, D. C., cuatro (4) de agosto de dos mil cinco (2005). \u00a0 La Sala Segunda de Revisi\u00f3n de la Corte ...<br \/><div class=\"pt-cv-rmwrap\"><a href=\"https:\/\/www.dmsjuridica.com\/buscador_20179478954\/corteconstitucionalcronologico202454587\/t-804-05\/\" class=\"_self pt-cv-readmore btn btn-success\" target=\"_self\">Ver Sentencia Completa...<\/a><\/div><\/div><\/div><\/div>\n<div class=\"col-md-12 col-sm-12 col-xs-12 pt-cv-content-item pt-cv-1-col\" ><div class='pt-cv-ifield'><a href=\"https:\/\/www.dmsjuridica.com\/buscador_20179478954\/corteconstitucionalcronologico202454587\/t-803-05\/\" class=\"_self pt-cv-href-thumbnail pt-cv-thumb-default\" target=\"_self\" ><\/a>\n<div class=\"pt-cv-taxoterm above_title\"><a href='https:\/\/www.dmsjuridica.com\/buscador_20179478954\/corteconstitucionalcronologico202454587\/category\/buscar-en-toda-la-corte\/2005\/tutelas-2005\/' title='Tutelas 2005' class='pt-cv-tax-tutelas-2005'>Tutelas 2005<\/a><\/div>\n<h4 class=\"pt-cv-title\"><a href=\"https:\/\/www.dmsjuridica.com\/buscador_20179478954\/corteconstitucionalcronologico202454587\/t-803-05\/\" class=\"_self\" target=\"_self\" >T-803-05<\/a><\/h4>\n<div class=\"pt-cv-content\">\u00a0 \u00a0 Sentencia T-803\/05\u00a0 \u00a0 DEBIDO PROCESO ADMINISTRATIVO-Caso de demolici\u00f3n de un inmueble que amenaza ruina \u00a0 En un caso como \u00e9ste, el arrendatario no tiene un inter\u00e9s meramente indirecto en una actuaci\u00f3n que solo concierne al propietario, como se expresa por la Inspecci\u00f3n de Polic\u00eda y fue admitido por los jueces de instancia, sino que la actuaci\u00f3n le afecta directamente, por cuanto, si bien el proceso orientado a la demolici\u00f3n de un inmueble que amenaza ruina tiene como destinatario, en principio, al propietario, la demolici\u00f3n, en el evento en el que se concluya que la misma debe ordenarse, no ...<br \/><div class=\"pt-cv-rmwrap\"><a href=\"https:\/\/www.dmsjuridica.com\/buscador_20179478954\/corteconstitucionalcronologico202454587\/t-803-05\/\" class=\"_self pt-cv-readmore btn btn-success\" target=\"_self\">Ver Sentencia Completa...<\/a><\/div><\/div><\/div><\/div>\n<div class=\"col-md-12 col-sm-12 col-xs-12 pt-cv-content-item pt-cv-1-col\" ><div class='pt-cv-ifield'><a href=\"https:\/\/www.dmsjuridica.com\/buscador_20179478954\/corteconstitucionalcronologico202454587\/t-802-05\/\" class=\"_self pt-cv-href-thumbnail pt-cv-thumb-default\" target=\"_self\" ><\/a>\n<div class=\"pt-cv-taxoterm above_title\"><a href='https:\/\/www.dmsjuridica.com\/buscador_20179478954\/corteconstitucionalcronologico202454587\/category\/buscar-en-toda-la-corte\/2005\/tutelas-2005\/' title='Tutelas 2005' class='pt-cv-tax-tutelas-2005'>Tutelas 2005<\/a><\/div>\n<h4 class=\"pt-cv-title\"><a href=\"https:\/\/www.dmsjuridica.com\/buscador_20179478954\/corteconstitucionalcronologico202454587\/t-802-05\/\" class=\"_self\" target=\"_self\" >T-802-05<\/a><\/h4>\n<div class=\"pt-cv-content\">\u00a0 \u00a0 Sentencia T-802\/05 \u00a0 PRINCIPIO DE CONTINUIDAD EN EL SERVICIO DE SALUD\/SUSTITUCION PENSIONAL \u00a0 La demandante deb\u00eda recibir los servicios de salud para atender la enfermedad neurol\u00f3gica que padece y permanecer afiliada a la E.P.S. aun con posterioridad al deceso de su esposo, hasta el momento en el cual le fuera resuelta la situaci\u00f3n administrativa que se encontraba pendiente. Es decir, hasta cuando fuera adoptada decisi\u00f3n sobre la pensi\u00f3n de sobreviviente a la cual consideraba tener derecho y pudiese regularizar su situaci\u00f3n en el Sistema General de Seguridad Social en Salud (SGSSS) mediante una nueva afiliaci\u00f3n. En consecuencia, la ...<br \/><div class=\"pt-cv-rmwrap\"><a href=\"https:\/\/www.dmsjuridica.com\/buscador_20179478954\/corteconstitucionalcronologico202454587\/t-802-05\/\" class=\"_self pt-cv-readmore btn btn-success\" target=\"_self\">Ver Sentencia Completa...<\/a><\/div><\/div><\/div><\/div>\n<div class=\"col-md-12 col-sm-12 col-xs-12 pt-cv-content-item pt-cv-1-col\" ><div class='pt-cv-ifield'><a href=\"https:\/\/www.dmsjuridica.com\/buscador_20179478954\/corteconstitucionalcronologico202454587\/t-797-05\/\" class=\"_self pt-cv-href-thumbnail pt-cv-thumb-default\" target=\"_self\" ><\/a>\n<div class=\"pt-cv-taxoterm above_title\"><a href='https:\/\/www.dmsjuridica.com\/buscador_20179478954\/corteconstitucionalcronologico202454587\/category\/buscar-en-toda-la-corte\/2005\/tutelas-2005\/' title='Tutelas 2005' class='pt-cv-tax-tutelas-2005'>Tutelas 2005<\/a><\/div>\n<h4 class=\"pt-cv-title\"><a href=\"https:\/\/www.dmsjuridica.com\/buscador_20179478954\/corteconstitucionalcronologico202454587\/t-797-05\/\" class=\"_self\" target=\"_self\" >T-797-05<\/a><\/h4>\n<div class=\"pt-cv-content\">\u00a0 \u00a0 Sentencia T-797\/05 \u00a0 IUS VARIANDI-Alcance y l\u00edmites \u00a0 DERECHO A LA SALUD-Traslado de docente para tratamiento m\u00e9dico \u00a0 TRASLADO DE DOCENTE DEFINITIVO-Previsto en el art\u00edculo 22 de la Ley 715\/01\u00a0 \u00a0 Reiteraci\u00f3n de Jurisprudencia \u00a0 Referencia: expediente T-1091138. \u00a0 Acci\u00f3n de tutela instaurada por la se\u00f1ora Em\u00e9rita Del Carmen Delgado Enr\u00edquez contra la Gobernaci\u00f3n y la Secretar\u00eda de Educaci\u00f3n del Departamento de Nari\u00f1o, extendida oficiosamente a la Alcald\u00eda y a la Secretar\u00eda de Educaci\u00f3n de Pasto. \u00a0 Magistrado Ponente: \u00a0 Dr. JAIME ARA\u00daJO RENTER\u00cdA \u00a0 Bogot\u00e1 D. C., tres ( 3 ) de agosto de dos mil cinco ...<br \/><div class=\"pt-cv-rmwrap\"><a href=\"https:\/\/www.dmsjuridica.com\/buscador_20179478954\/corteconstitucionalcronologico202454587\/t-797-05\/\" class=\"_self pt-cv-readmore btn btn-success\" target=\"_self\">Ver Sentencia Completa...<\/a><\/div><\/div><\/div><\/div>\n<div class=\"col-md-12 col-sm-12 col-xs-12 pt-cv-content-item pt-cv-1-col\" ><div class='pt-cv-ifield'><a href=\"https:\/\/www.dmsjuridica.com\/buscador_20179478954\/corteconstitucionalcronologico202454587\/t-796-05\/\" class=\"_self pt-cv-href-thumbnail pt-cv-thumb-default\" target=\"_self\" ><\/a>\n<div class=\"pt-cv-taxoterm above_title\"><a href='https:\/\/www.dmsjuridica.com\/buscador_20179478954\/corteconstitucionalcronologico202454587\/category\/buscar-en-toda-la-corte\/2005\/tutelas-2005\/' title='Tutelas 2005' class='pt-cv-tax-tutelas-2005'>Tutelas 2005<\/a><\/div>\n<h4 class=\"pt-cv-title\"><a href=\"https:\/\/www.dmsjuridica.com\/buscador_20179478954\/corteconstitucionalcronologico202454587\/t-796-05\/\" class=\"_self\" target=\"_self\" >T-796-05<\/a><\/h4>\n<div class=\"pt-cv-content\">\u00a0 \u00a0 Sentencia T-796\/05 \u00a0 LICENCIA DE MATERNIDAD-T\u00e9rmino para reclamarla super\u00f3 el a\u00f1o que se ha establecido por la jurisprudencia \u00a0 Reiteraci\u00f3n de jurisprudencia \u00a0 \u00a0 Referencia: expediente T-1131968 \u00a0 Accionante: Indira Gandi Ortega Cer\u00f3n\u00a0 \u00a0 Entidad accionada: Seguro Social EPS \u00a0 Magistrado Ponente: \u00a0 Dr. RODRIGO ESCOBAR GIL \u00a0 Bogot\u00e1, D. C., primero (1) de agosto de dos mil cinco (2005). \u00a0 La Sala Quinta de Revisi\u00f3n de la Corte Constitucional, integrada por los Magistrados Rodrigo Escobar Gil, Marco Gerardo Monroy Cabra y Humberto Antonio Sierra Porto, en uso de sus facultades constitucionales y legales, en especial las que ...<br \/><div class=\"pt-cv-rmwrap\"><a href=\"https:\/\/www.dmsjuridica.com\/buscador_20179478954\/corteconstitucionalcronologico202454587\/t-796-05\/\" class=\"_self pt-cv-readmore btn btn-success\" target=\"_self\">Ver Sentencia Completa...<\/a><\/div><\/div><\/div><\/div>\n<div class=\"col-md-12 col-sm-12 col-xs-12 pt-cv-content-item pt-cv-1-col\" ><div class='pt-cv-ifield'><a href=\"https:\/\/www.dmsjuridica.com\/buscador_20179478954\/corteconstitucionalcronologico202454587\/t-795-05\/\" class=\"_self pt-cv-href-thumbnail pt-cv-thumb-default\" target=\"_self\" ><\/a>\n<div class=\"pt-cv-taxoterm above_title\"><a href='https:\/\/www.dmsjuridica.com\/buscador_20179478954\/corteconstitucionalcronologico202454587\/category\/buscar-en-toda-la-corte\/2005\/tutelas-2005\/' title='Tutelas 2005' class='pt-cv-tax-tutelas-2005'>Tutelas 2005<\/a><\/div>\n<h4 class=\"pt-cv-title\"><a href=\"https:\/\/www.dmsjuridica.com\/buscador_20179478954\/corteconstitucionalcronologico202454587\/t-795-05\/\" class=\"_self\" target=\"_self\" >T-795-05<\/a><\/h4>\n<div class=\"pt-cv-content\">\u00a0 \u00a0 Sentencia T-795\/05 \u00a0 INCAPACIDAD ECONOMICA EN MATERIA DE SALUD-Reglas probatorias que se han establecido\/DERECHO A LA SALUD-No se present\u00f3 violaci\u00f3n por cuanto demandante tiene capacidad econ\u00f3mica \u00a0 Referencia: expediente T-1111848 \u00a0 Accionante: James Antonio Garc\u00eda Rivera. \u00a0 Demandado: Saludcoop E.P.S. \u00a0 Magistrado Ponente:\u00a0 \u00a0 Dr. RODRIGO ESCOBAR GIL \u00a0 Bogot\u00e1, D. C., primero (1) de agosto de dos mil cinco (2005). \u00a0 La Sala Quinta de Revisi\u00f3n de la Corte Constitucional, integrada por los Magistrados Rodrigo Escobar Gil, Marco Gerardo Monroy Cabra y Humberto Antonio Sierra Porto, en ejercicio de sus competencias constitucionales y legales, ha pronunciado la ...<br \/><div class=\"pt-cv-rmwrap\"><a href=\"https:\/\/www.dmsjuridica.com\/buscador_20179478954\/corteconstitucionalcronologico202454587\/t-795-05\/\" class=\"_self pt-cv-readmore btn btn-success\" target=\"_self\">Ver Sentencia Completa...<\/a><\/div><\/div><\/div><\/div>\n<div class=\"col-md-12 col-sm-12 col-xs-12 pt-cv-content-item pt-cv-1-col\" ><div class='pt-cv-ifield'><a href=\"https:\/\/www.dmsjuridica.com\/buscador_20179478954\/corteconstitucionalcronologico202454587\/t-794-05\/\" class=\"_self pt-cv-href-thumbnail pt-cv-thumb-default\" target=\"_self\" ><\/a>\n<div class=\"pt-cv-taxoterm above_title\"><a href='https:\/\/www.dmsjuridica.com\/buscador_20179478954\/corteconstitucionalcronologico202454587\/category\/buscar-en-toda-la-corte\/2005\/tutelas-2005\/' title='Tutelas 2005' class='pt-cv-tax-tutelas-2005'>Tutelas 2005<\/a><\/div>\n<h4 class=\"pt-cv-title\"><a href=\"https:\/\/www.dmsjuridica.com\/buscador_20179478954\/corteconstitucionalcronologico202454587\/t-794-05\/\" class=\"_self\" target=\"_self\" >T-794-05<\/a><\/h4>\n<div class=\"pt-cv-content\">\u00a0 \u00a0 Sentencia T-794\/05 \u00a0 LICENCIA DE MATERNIDAD-Fundamental por conexidad\/LICENCIA DE MATERNIDAD-Pago por tutela cuando afecta el m\u00ednimo vital de la madre y su hijo\u00a0 \u00a0 LICENCIA DE MATERNIDAD-Eventos en los que el pago esta a cargo del empleador \u00a0 LICENCIA DE MATERNIDAD-Pago a cargo de EPS por allanamiento a la mora \u00a0 Reiteraci\u00f3n de jurisprudencia \u00a0 Referencia: expediente T-1092313 \u00a0 Acci\u00f3n de tutela instaurada por Ana Francidia Ballesteros Anduquia contra Salud Total E.P.S.\u00a0 \u00a0 Magistrado Ponente: \u00a0 Dr. JAIME C\u00d3RDOBA TRIVI\u00d1O \u00a0 Bogot\u00e1 D.C., veintinueve (29) de julio de dos mil cinco (2005). \u00a0 La Sala Cuarta de Revisi\u00f3n ...<br \/><div class=\"pt-cv-rmwrap\"><a href=\"https:\/\/www.dmsjuridica.com\/buscador_20179478954\/corteconstitucionalcronologico202454587\/t-794-05\/\" class=\"_self pt-cv-readmore btn btn-success\" target=\"_self\">Ver Sentencia Completa...<\/a><\/div><\/div><\/div><\/div>\n<div class=\"col-md-12 col-sm-12 col-xs-12 pt-cv-content-item pt-cv-1-col\" ><div class='pt-cv-ifield'><a href=\"https:\/\/www.dmsjuridica.com\/buscador_20179478954\/corteconstitucionalcronologico202454587\/t-793-05\/\" class=\"_self pt-cv-href-thumbnail pt-cv-thumb-default\" target=\"_self\" ><\/a>\n<div class=\"pt-cv-taxoterm above_title\"><a href='https:\/\/www.dmsjuridica.com\/buscador_20179478954\/corteconstitucionalcronologico202454587\/category\/buscar-en-toda-la-corte\/2005\/tutelas-2005\/' title='Tutelas 2005' class='pt-cv-tax-tutelas-2005'>Tutelas 2005<\/a><\/div>\n<h4 class=\"pt-cv-title\"><a href=\"https:\/\/www.dmsjuridica.com\/buscador_20179478954\/corteconstitucionalcronologico202454587\/t-793-05\/\" class=\"_self\" target=\"_self\" >T-793-05<\/a><\/h4>\n<div class=\"pt-cv-content\">\u00a0 \u00a0 Sentencia T-793\/05 \u00a0 MUJER EMBARAZADA-Protecci\u00f3n constitucional especial \u00a0 DERECHO A LA ESTABILIDAD LABORAL REFORZADA DE MUJER EMBARAZADA-Se aplica a todas las mujeres embarazadas que tengan vinculo laboral\u00a0 \u00a0 ACCION DE TUTELA TRANSITORIA DE MUJER EMBARAZADA-Elementos f\u00e1cticos que deben demostrarse para el reintegro\u00a0 \u00a0 La Corte ha sostenido que la acci\u00f3n de tutela es procedente de manera excepcional para proteger los derechos fundamentales de la mujer embarazada, derivados de la estabilidad laboral reforzada, siempre que se cumplan los siguientes requisitos: (i) que el despido o la desvinculaci\u00f3n de la trabajadora haya tenido lugar durante el periodo de gestaci\u00f3n o ...<br \/><div class=\"pt-cv-rmwrap\"><a href=\"https:\/\/www.dmsjuridica.com\/buscador_20179478954\/corteconstitucionalcronologico202454587\/t-793-05\/\" class=\"_self pt-cv-readmore btn btn-success\" target=\"_self\">Ver Sentencia Completa...<\/a><\/div><\/div><\/div><\/div>\n<div class=\"col-md-12 col-sm-12 col-xs-12 pt-cv-content-item pt-cv-1-col\" ><div class='pt-cv-ifield'><a href=\"https:\/\/www.dmsjuridica.com\/buscador_20179478954\/corteconstitucionalcronologico202454587\/t-792-05\/\" class=\"_self pt-cv-href-thumbnail pt-cv-thumb-default\" target=\"_self\" ><\/a>\n<div class=\"pt-cv-taxoterm above_title\"><a href='https:\/\/www.dmsjuridica.com\/buscador_20179478954\/corteconstitucionalcronologico202454587\/category\/buscar-en-toda-la-corte\/2005\/tutelas-2005\/' title='Tutelas 2005' class='pt-cv-tax-tutelas-2005'>Tutelas 2005<\/a><\/div>\n<h4 class=\"pt-cv-title\"><a href=\"https:\/\/www.dmsjuridica.com\/buscador_20179478954\/corteconstitucionalcronologico202454587\/t-792-05\/\" class=\"_self\" target=\"_self\" >T-792-05<\/a><\/h4>\n<div class=\"pt-cv-content\">\u00a0 \u00a0 Sentencia T-792\/05 \u00a0 DIGNIDAD HUMANA-Como principio y como derecho\u00a0 \u00a0 La dignidad humana, como principio fundante del Estado, es el presupuesto esencial de la consagraci\u00f3n y efectividad del sistema de derechos y garant\u00edas contemplado en la Constituci\u00f3n. Tiene valor absoluto no susceptible de ser limitado bajo ninguna circunstancia, lo que s\u00ed ocurre con derechos que necesariamente deben coexistir con otros y admiten variadas restricciones. El respeto a la dignidad humana no s\u00f3lo es una declaraci\u00f3n \u00e9tica sino una norma jur\u00eddica de car\u00e1cter vinculante para todas las autoridades. Su acato debe inspirar a todas las actuaciones del Estado. Por ...<br \/><div class=\"pt-cv-rmwrap\"><a href=\"https:\/\/www.dmsjuridica.com\/buscador_20179478954\/corteconstitucionalcronologico202454587\/t-792-05\/\" class=\"_self pt-cv-readmore btn btn-success\" target=\"_self\">Ver Sentencia Completa...<\/a><\/div><\/div><\/div><\/div>\n<div class=\"col-md-12 col-sm-12 col-xs-12 pt-cv-content-item pt-cv-1-col\" ><div class='pt-cv-ifield'><a href=\"https:\/\/www.dmsjuridica.com\/buscador_20179478954\/corteconstitucionalcronologico202454587\/t-791-05\/\" class=\"_self pt-cv-href-thumbnail pt-cv-thumb-default\" target=\"_self\" ><\/a>\n<div class=\"pt-cv-taxoterm above_title\"><a href='https:\/\/www.dmsjuridica.com\/buscador_20179478954\/corteconstitucionalcronologico202454587\/category\/buscar-en-toda-la-corte\/2005\/tutelas-2005\/' title='Tutelas 2005' class='pt-cv-tax-tutelas-2005'>Tutelas 2005<\/a><\/div>\n<h4 class=\"pt-cv-title\"><a href=\"https:\/\/www.dmsjuridica.com\/buscador_20179478954\/corteconstitucionalcronologico202454587\/t-791-05\/\" class=\"_self\" target=\"_self\" >T-791-05<\/a><\/h4>\n<div class=\"pt-cv-content\">\u00a0 \u00a0 Sentencia T-791\/05 \u00a0 MUJER EMBARAZADA-Protecci\u00f3n constitucional especial \u00a0 LICENCIA DE MATERNIDAD-Objeto y fin \u00a0 LICENCIA DE MATERNIDAD-Procedencia excepcional de tutela para el pago\/LICENCIA DE MATERNIDAD-Pago por tutela cuando afecta el m\u00ednimo vital de la madre y su hijo\u00a0 \u00a0 LICENCIA DE MATERNIDAD-Pago a cargo de EPS por allanamiento a la mora\u00a0 \u00a0 LICENCIA DE MATERNIDAD-Ampliaci\u00f3n del t\u00e9rmino al primer a\u00f1o de vida del ni\u00f1o para presentar la tutela \u00a0 DERECHO AL MINIMO VITAL DE LA MADRE Y SU HIJO RECIEN NACIDO-Presunci\u00f3n de la afectaci\u00f3n en mujer trabajadora independiente\u00a0 \u00a0 Referencia: expediente T-1089164 \u00a0 Acci\u00f3n de tutela instaurada por ...<br \/><div class=\"pt-cv-rmwrap\"><a href=\"https:\/\/www.dmsjuridica.com\/buscador_20179478954\/corteconstitucionalcronologico202454587\/t-791-05\/\" class=\"_self pt-cv-readmore btn btn-success\" target=\"_self\">Ver Sentencia Completa...<\/a><\/div><\/div><\/div><\/div>\n<div class=\"col-md-12 col-sm-12 col-xs-12 pt-cv-content-item pt-cv-1-col\" ><div class='pt-cv-ifield'><a href=\"https:\/\/www.dmsjuridica.com\/buscador_20179478954\/corteconstitucionalcronologico202454587\/t-790-05\/\" class=\"_self pt-cv-href-thumbnail pt-cv-thumb-default\" target=\"_self\" ><\/a>\n<div class=\"pt-cv-taxoterm above_title\"><a href='https:\/\/www.dmsjuridica.com\/buscador_20179478954\/corteconstitucionalcronologico202454587\/category\/buscar-en-toda-la-corte\/2005\/tutelas-2005\/' title='Tutelas 2005' class='pt-cv-tax-tutelas-2005'>Tutelas 2005<\/a><\/div>\n<h4 class=\"pt-cv-title\"><a href=\"https:\/\/www.dmsjuridica.com\/buscador_20179478954\/corteconstitucionalcronologico202454587\/t-790-05\/\" class=\"_self\" target=\"_self\" >T-790-05<\/a><\/h4>\n<div class=\"pt-cv-content\">\u00a0 \u00a0 Sentencia T-790\/05 \u00a0 LICENCIA DE MATERNIDAD-Plazo hasta de un a\u00f1o para reclamar por tutela \u00a0 LICENCIA DE MATERNIDAD-Reglas para reconocimiento y pago\u00a0 \u00a0 LICENCIA DE MATERNIDAD-Pago por tutela cuando afecta el m\u00ednimo vital de la madre y su hijo \u00a0 MADRE CABEZA DE FAMILIA-Protecci\u00f3n constitucional especial \u00a0 LICENCIA DE MATERNIDAD-Pago por allanamiento a la mora por EPS \u00a0 LICENCIA DE MATERNIDAD-Excepci\u00f3n de no exigir el pago completo e interrumpido de semanas cotizadas.\u00a0 \u00a0 Referencia: expediente T-1111105 \u00a0 Peticionario: M\u00f3nica Ar\u00e9valo Barrantes \u00a0 Procedencia: Juzgado Cincuenta Civil Municipal de Bogot\u00e1. \u00a0 Magistrado Ponente:\u00a0 \u00a0 Dr. MARCO GERARDO MONROY CABRA ...<br \/><div class=\"pt-cv-rmwrap\"><a href=\"https:\/\/www.dmsjuridica.com\/buscador_20179478954\/corteconstitucionalcronologico202454587\/t-790-05\/\" class=\"_self pt-cv-readmore btn btn-success\" target=\"_self\">Ver Sentencia Completa...<\/a><\/div><\/div><\/div><\/div>\n<div class=\"col-md-12 col-sm-12 col-xs-12 pt-cv-content-item pt-cv-1-col\" ><div class='pt-cv-ifield'><a href=\"https:\/\/www.dmsjuridica.com\/buscador_20179478954\/corteconstitucionalcronologico202454587\/t-789-05\/\" class=\"_self pt-cv-href-thumbnail pt-cv-thumb-default\" target=\"_self\" ><\/a>\n<div class=\"pt-cv-taxoterm above_title\"><a href='https:\/\/www.dmsjuridica.com\/buscador_20179478954\/corteconstitucionalcronologico202454587\/category\/buscar-en-toda-la-corte\/2005\/tutelas-2005\/' title='Tutelas 2005' class='pt-cv-tax-tutelas-2005'>Tutelas 2005<\/a><\/div>\n<h4 class=\"pt-cv-title\"><a href=\"https:\/\/www.dmsjuridica.com\/buscador_20179478954\/corteconstitucionalcronologico202454587\/t-789-05\/\" class=\"_self\" target=\"_self\" >T-789-05<\/a><\/h4>\n<div class=\"pt-cv-content\">\u00a0 \u00a0 Sentencia T-789\/05 \u00a0 DERECHO A LA SALUD-Requisitos para suministro de medicamentos aunque no re\u00fana el m\u00ednimo de semanas cotizadas\u00a0 \u00a0 El juez de tutela puede ordenar a una EPS el suministro de un medicamento o un servicio m\u00e9dico a un demandante, aunque \u00e9ste no re\u00fana el m\u00ednimo de semanas de cotizaci\u00f3n exigidas por la ley para el efecto, con cargo a los recursos del FOSYGA, cuando verifique los siguientes requisitos: (i) que el procedimiento, tratamiento o medicamento reclamado por el actor es urgente para garantizar su derecho a la salud, (ii) que, por esta raz\u00f3n, su suministro no ...<br \/><div class=\"pt-cv-rmwrap\"><a href=\"https:\/\/www.dmsjuridica.com\/buscador_20179478954\/corteconstitucionalcronologico202454587\/t-789-05\/\" class=\"_self pt-cv-readmore btn btn-success\" target=\"_self\">Ver Sentencia Completa...<\/a><\/div><\/div><\/div><\/div>\n<div class=\"col-md-12 col-sm-12 col-xs-12 pt-cv-content-item pt-cv-1-col\" ><div class='pt-cv-ifield'><a href=\"https:\/\/www.dmsjuridica.com\/buscador_20179478954\/corteconstitucionalcronologico202454587\/t-788-05\/\" class=\"_self pt-cv-href-thumbnail pt-cv-thumb-default\" target=\"_self\" ><\/a>\n<div class=\"pt-cv-taxoterm above_title\"><a href='https:\/\/www.dmsjuridica.com\/buscador_20179478954\/corteconstitucionalcronologico202454587\/category\/buscar-en-toda-la-corte\/2005\/tutelas-2005\/' title='Tutelas 2005' class='pt-cv-tax-tutelas-2005'>Tutelas 2005<\/a><\/div>\n<h4 class=\"pt-cv-title\"><a href=\"https:\/\/www.dmsjuridica.com\/buscador_20179478954\/corteconstitucionalcronologico202454587\/t-788-05\/\" class=\"_self\" target=\"_self\" >T-788-05<\/a><\/h4>\n<div class=\"pt-cv-content\">\u00a0 \u00a0 Sentencia T-788\/05 \u00a0 MUJER EMBARAZADA-Protecci\u00f3n constitucional especial \u00a0 LICENCIA DE MATERNIDAD-Procedencia excepcional de tutela para el pago\/LICENCIA DE MATERNIDAD-Pago por tutela cuando afecta el m\u00ednimo vital de la madre y su hijo \u00a0 LICENCIA DE MATERNIDAD-Asunci\u00f3n de patrono por mora en aportes a EPS \u00a0 LICENCIA DE MATERNIDAD-Pago por allanamiento a la mora por EPS \u00a0 Referencia: expediente T-1091426 \u00a0 Acci\u00f3n de tutela instaurada por MARTHA IRENE MOLINA SEGURA contra SALUD TOTAL E.P.S. \u00a0 Magistrado Ponente: \u00a0 Dr. ALVARO TAFUR GALVIS \u00a0 Bogot\u00e1, D. C., veintiocho (28) de julio de dos mil cinco (2005). \u00a0 La Sala Octava ...<br \/><div class=\"pt-cv-rmwrap\"><a href=\"https:\/\/www.dmsjuridica.com\/buscador_20179478954\/corteconstitucionalcronologico202454587\/t-788-05\/\" class=\"_self pt-cv-readmore btn btn-success\" target=\"_self\">Ver Sentencia Completa...<\/a><\/div><\/div><\/div><\/div>\n<div class=\"col-md-12 col-sm-12 col-xs-12 pt-cv-content-item pt-cv-1-col\" ><div class='pt-cv-ifield'><a href=\"https:\/\/www.dmsjuridica.com\/buscador_20179478954\/corteconstitucionalcronologico202454587\/t-787-05\/\" class=\"_self pt-cv-href-thumbnail pt-cv-thumb-default\" target=\"_self\" ><\/a>\n<div class=\"pt-cv-taxoterm above_title\"><a href='https:\/\/www.dmsjuridica.com\/buscador_20179478954\/corteconstitucionalcronologico202454587\/category\/buscar-en-toda-la-corte\/2005\/tutelas-2005\/' title='Tutelas 2005' class='pt-cv-tax-tutelas-2005'>Tutelas 2005<\/a><\/div>\n<h4 class=\"pt-cv-title\"><a href=\"https:\/\/www.dmsjuridica.com\/buscador_20179478954\/corteconstitucionalcronologico202454587\/t-787-05\/\" class=\"_self\" target=\"_self\" >T-787-05<\/a><\/h4>\n<div class=\"pt-cv-content\">\u00a0 \u00a0 Sentencia T-787\/05 \u00a0 LICENCIA DE MATERNIDAD-Pago por allanamiento a la mora por EPS \u00a0 LICENCIA DE MATERNIDAD-Pago por tutela cuando afecta el m\u00ednimo vital de la madre y su hijo \u00a0 Referencia: expediente T-1089886 \u00a0 Acci\u00f3n de tutela instaurada por ANA SILENA BALANTA MEJIA contra el SEGURO SOCIAL -SECCIONAL CAUCA- \u00a0 Magistrado Ponente: \u00a0 Dr. ALVARO TAFUR GALVIS \u00a0 Bogot\u00e1, D. C., veintiocho (28) de julio de dos mil cinco (2005). \u00a0 La Sala Octava de Revisi\u00f3n de la Corte Constitucional, integrada por los magistrados Jaime Ara\u00fajo Renter\u00eda, Clara In\u00e9s Vargas Hern\u00e1ndez y \u00c1lvaro Tafur Galvis, en ejercicio ...<br \/><div class=\"pt-cv-rmwrap\"><a href=\"https:\/\/www.dmsjuridica.com\/buscador_20179478954\/corteconstitucionalcronologico202454587\/t-787-05\/\" class=\"_self pt-cv-readmore btn btn-success\" target=\"_self\">Ver Sentencia Completa...<\/a><\/div><\/div><\/div><\/div>\n<div class=\"col-md-12 col-sm-12 col-xs-12 pt-cv-content-item pt-cv-1-col\" ><div class='pt-cv-ifield'><a href=\"https:\/\/www.dmsjuridica.com\/buscador_20179478954\/corteconstitucionalcronologico202454587\/t-781-05\/\" class=\"_self pt-cv-href-thumbnail pt-cv-thumb-default\" target=\"_self\" ><\/a>\n<div class=\"pt-cv-taxoterm above_title\"><a href='https:\/\/www.dmsjuridica.com\/buscador_20179478954\/corteconstitucionalcronologico202454587\/category\/buscar-en-toda-la-corte\/2005\/tutelas-2005\/' title='Tutelas 2005' class='pt-cv-tax-tutelas-2005'>Tutelas 2005<\/a><\/div>\n<h4 class=\"pt-cv-title\"><a href=\"https:\/\/www.dmsjuridica.com\/buscador_20179478954\/corteconstitucionalcronologico202454587\/t-781-05\/\" class=\"_self\" target=\"_self\" >T-781-05<\/a><\/h4>\n<div class=\"pt-cv-content\">\u00a0 \u00a0 Sentencia T-781\/05 \u00a0 REGIMEN DE TRANSICION EN MATERIA PENSIONAL-Situaci\u00f3n de los exparlamentarios \u00a0 PENSION DE JUBILACION DE EXCONGRESISTA-Reajuste especial \u00a0 ACCION DE TUTELA-Improcedencia para resolver derechos litigiosos\/ACCION DE TUTELA-Improcedencia para reliquidaci\u00f3n de mesada pensional \u00a0 ACCION DE TUTELA PARA RELIQUIDACION DE PENSIONES DE CONGRESISTA-Requisitos para su procedencia\u00a0 \u00a0 ACCION DE TUTELA PARA RELIQUIDACION DE PENSIONES DE CONGRESISTA-Improcedencia por no existir v\u00eda de hecho ni perjuicio irremediable\u00a0 \u00a0 Referencia: expediente T-1096174 \u00a0 Acci\u00f3n de tutela instaurada Dar\u00edo Alberto Ord\u00f3\u00f1ez Ortega contra el Fondo de Previsi\u00f3n Social del Congreso de la Rep\u00fablica \u2013Fonprecon. \u00a0 Magistrado Ponente :\u00a0 \u00a0 Dr. ALFREDO ...<br \/><div class=\"pt-cv-rmwrap\"><a href=\"https:\/\/www.dmsjuridica.com\/buscador_20179478954\/corteconstitucionalcronologico202454587\/t-781-05\/\" class=\"_self pt-cv-readmore btn btn-success\" target=\"_self\">Ver Sentencia Completa...<\/a><\/div><\/div><\/div><\/div>\n<div class=\"col-md-12 col-sm-12 col-xs-12 pt-cv-content-item pt-cv-1-col\" ><div class='pt-cv-ifield'><a href=\"https:\/\/www.dmsjuridica.com\/buscador_20179478954\/corteconstitucionalcronologico202454587\/t-780-05\/\" class=\"_self pt-cv-href-thumbnail pt-cv-thumb-default\" target=\"_self\" ><\/a>\n<div class=\"pt-cv-taxoterm above_title\"><a href='https:\/\/www.dmsjuridica.com\/buscador_20179478954\/corteconstitucionalcronologico202454587\/category\/buscar-en-toda-la-corte\/2005\/tutelas-2005\/' title='Tutelas 2005' class='pt-cv-tax-tutelas-2005'>Tutelas 2005<\/a><\/div>\n<h4 class=\"pt-cv-title\"><a href=\"https:\/\/www.dmsjuridica.com\/buscador_20179478954\/corteconstitucionalcronologico202454587\/t-780-05\/\" class=\"_self\" target=\"_self\" >T-780-05<\/a><\/h4>\n<div class=\"pt-cv-content\">\u00a0 \u00a0 Sentencia T-780\/05 \u00a0 DERECHO A LA PERSONALIDAD JURIDICA-Alcance\/DERECHO A LA PERSONALIDAD JURIDICA-Vulneraci\u00f3n por entidad bancaria al cancelar cuenta bancaria al haberse dado de baja la c\u00e9dula del accionante\u00a0 \u00a0 ACCION DE TUTELA-Hecho superado\u00a0 \u00a0 Reiteraci\u00f3n de Jurisprudencia \u00a0 Referencia: expediente T-1133769 \u00a0 Acci\u00f3n de tutela instaurada por Alfredo Luis Prado Polo contra el Banco Ganadero BBVA. \u00a0 Magistrado Ponente: \u00a0 Dr. MANUEL JOSE CEPEDA ESPINOSA \u00a0 Bogot\u00e1, D.C., veintisiete (27) de julio de dos mil cinco (2005). \u00a0 La Sala Tercera de Revisi\u00f3n de la Corte Constitucional, en ejercicio de sus competencias constitucionales y legales, en particular las ...<br \/><div class=\"pt-cv-rmwrap\"><a href=\"https:\/\/www.dmsjuridica.com\/buscador_20179478954\/corteconstitucionalcronologico202454587\/t-780-05\/\" class=\"_self pt-cv-readmore btn btn-success\" target=\"_self\">Ver Sentencia Completa...<\/a><\/div><\/div><\/div><\/div>\n<div class=\"col-md-12 col-sm-12 col-xs-12 pt-cv-content-item pt-cv-1-col\" ><div class='pt-cv-ifield'><a href=\"https:\/\/www.dmsjuridica.com\/buscador_20179478954\/corteconstitucionalcronologico202454587\/t-779-05\/\" class=\"_self pt-cv-href-thumbnail pt-cv-thumb-default\" target=\"_self\" ><\/a>\n<div class=\"pt-cv-taxoterm above_title\"><a href='https:\/\/www.dmsjuridica.com\/buscador_20179478954\/corteconstitucionalcronologico202454587\/category\/buscar-en-toda-la-corte\/2005\/tutelas-2005\/' title='Tutelas 2005' class='pt-cv-tax-tutelas-2005'>Tutelas 2005<\/a><\/div>\n<h4 class=\"pt-cv-title\"><a href=\"https:\/\/www.dmsjuridica.com\/buscador_20179478954\/corteconstitucionalcronologico202454587\/t-779-05\/\" class=\"_self\" target=\"_self\" >T-779-05<\/a><\/h4>\n<div class=\"pt-cv-content\">\u00a0 \u00a0 Sentencia T-779\/05 \u00a0 ACCION DE TUTELA CONTRA PROVIDENCIAS JUDICIALES POR VIA DE HECHO-Reiteraci\u00f3n de jurisprudencia \u00a0 ACCION DE TUTELA CONTRA PROVIDENCIAS JUDICIALES-No vulnera los principios de seguridad jur\u00eddica y de autonom\u00eda funcional del juez \u00a0 RECURSO DE SUPLICA-Declarado desierto por no sustentaci\u00f3n \u00a0 ACCION DE TUTELA CONTRA PROVIDENCIAS JUDICIALES-Improcedencia por no haber agotado recursos ordinarios\u00a0 \u00a0 Referencia: expediente T-1120461 \u00a0 Acci\u00f3n de tutela instaurada por Transportes Colectivos y Taxis \u2013 COLTAX \u2013 S.A. contra el Consejo de Estado, Secci\u00f3n Primera, Sala de lo Contencioso Administrativo. \u00a0 Magistrado Ponente \u00a0 Dr. MANUEL JOS\u00c9 CEPEDA ESPINOSA \u00a0 Bogot\u00e1, D.C., veintisiete ...<br \/><div class=\"pt-cv-rmwrap\"><a href=\"https:\/\/www.dmsjuridica.com\/buscador_20179478954\/corteconstitucionalcronologico202454587\/t-779-05\/\" class=\"_self pt-cv-readmore btn btn-success\" target=\"_self\">Ver Sentencia Completa...<\/a><\/div><\/div><\/div><\/div>\n<div class=\"col-md-12 col-sm-12 col-xs-12 pt-cv-content-item pt-cv-1-col\" ><div class='pt-cv-ifield'><a href=\"https:\/\/www.dmsjuridica.com\/buscador_20179478954\/corteconstitucionalcronologico202454587\/t-778-05\/\" class=\"_self pt-cv-href-thumbnail pt-cv-thumb-default\" target=\"_self\" ><\/a>\n<div class=\"pt-cv-taxoterm above_title\"><a href='https:\/\/www.dmsjuridica.com\/buscador_20179478954\/corteconstitucionalcronologico202454587\/category\/buscar-en-toda-la-corte\/2005\/tutelas-2005\/' title='Tutelas 2005' class='pt-cv-tax-tutelas-2005'>Tutelas 2005<\/a><\/div>\n<h4 class=\"pt-cv-title\"><a href=\"https:\/\/www.dmsjuridica.com\/buscador_20179478954\/corteconstitucionalcronologico202454587\/t-778-05\/\" class=\"_self\" target=\"_self\" >T-778-05<\/a><\/h4>\n<div class=\"pt-cv-content\">ACCION DE TUTELA TRANSITORIA-Procedencia excepcional por existir perjuicio irremediable\u00a0 \u00a0 DERECHO DE REPRESENTACION DE INDIGENA EN CARGOS DE ELECCION POPULAR-Perjuicio irremediable por la imposibilidad de su ejercicio \u00a0 En el caso no se ha dado la suspensi\u00f3n provisional de la anulaci\u00f3n de la elecci\u00f3n de la tutelante como concejal de Bogot\u00e1, lo que hace que al momento se haya impedido absolutamente el ejercicio del derecho a representar pol\u00edticamente a quienes la eligieron como concejal por m\u00e1s de un a\u00f1o y, conforme pasa el tiempo, la posibilidad del ejercicio del derecho se va perdiendo irreparablemente. La imposibilidad progresiva, d\u00eda a d\u00eda, ...<br \/><div class=\"pt-cv-rmwrap\"><a href=\"https:\/\/www.dmsjuridica.com\/buscador_20179478954\/corteconstitucionalcronologico202454587\/t-778-05\/\" class=\"_self pt-cv-readmore btn btn-success\" target=\"_self\">Ver Sentencia Completa...<\/a><\/div><\/div><\/div><\/div>\n<div class=\"col-md-12 col-sm-12 col-xs-12 pt-cv-content-item pt-cv-1-col\" ><div class='pt-cv-ifield'><a href=\"https:\/\/www.dmsjuridica.com\/buscador_20179478954\/corteconstitucionalcronologico202454587\/t-776-05\/\" class=\"_self pt-cv-href-thumbnail pt-cv-thumb-default\" target=\"_self\" ><\/a>\n<div class=\"pt-cv-taxoterm above_title\"><a href='https:\/\/www.dmsjuridica.com\/buscador_20179478954\/corteconstitucionalcronologico202454587\/category\/buscar-en-toda-la-corte\/2005\/tutelas-2005\/' title='Tutelas 2005' class='pt-cv-tax-tutelas-2005'>Tutelas 2005<\/a><\/div>\n<h4 class=\"pt-cv-title\"><a href=\"https:\/\/www.dmsjuridica.com\/buscador_20179478954\/corteconstitucionalcronologico202454587\/t-776-05\/\" class=\"_self\" target=\"_self\" >T-776-05<\/a><\/h4>\n<div class=\"pt-cv-content\">\u00a0 \u00a0 Sentencia T-776\/05 \u00a0 ACCION DE TUTELA EN MATERIA PENSIONAL-Improcedencia general para reajuste o reliquidaci\u00f3n pensional \u00a0 ACCION DE TUTELA TRANSITORIA EN MATERIA PENSIONAL-Procedencia excepcional para reajuste pensional por existir perjuicio irremediable\/ACCION DE TUTELA TRANSITORIA EN MATERIA PENSIONAL-Elementos para que se configure el perjuicio irremediable\u00a0 \u00a0 ACCION DE TUTELA TRANSITORIA EN MATERIA PENSIONAL-Requisitos para su procedencia en reajuste pensional \u00a0 La jurisprudencia constitucional ha se\u00f1alado que la acci\u00f3n de tutela no procede para obtener la reliquidaci\u00f3n de mesadas pensionales. Sin embargo, en ciertos casos y de manera excepcional ella puede constituir el mecanismo id\u00f3neo para proteger transitoriamente los derechos ...<br \/><div class=\"pt-cv-rmwrap\"><a href=\"https:\/\/www.dmsjuridica.com\/buscador_20179478954\/corteconstitucionalcronologico202454587\/t-776-05\/\" class=\"_self pt-cv-readmore btn btn-success\" target=\"_self\">Ver Sentencia Completa...<\/a><\/div><\/div><\/div><\/div>\n<div class=\"col-md-12 col-sm-12 col-xs-12 pt-cv-content-item pt-cv-1-col\" ><div class='pt-cv-ifield'><a href=\"https:\/\/www.dmsjuridica.com\/buscador_20179478954\/corteconstitucionalcronologico202454587\/t-775-05\/\" class=\"_self pt-cv-href-thumbnail pt-cv-thumb-default\" target=\"_self\" ><\/a>\n<div class=\"pt-cv-taxoterm above_title\"><a href='https:\/\/www.dmsjuridica.com\/buscador_20179478954\/corteconstitucionalcronologico202454587\/category\/buscar-en-toda-la-corte\/2005\/tutelas-2005\/' title='Tutelas 2005' class='pt-cv-tax-tutelas-2005'>Tutelas 2005<\/a><\/div>\n<h4 class=\"pt-cv-title\"><a href=\"https:\/\/www.dmsjuridica.com\/buscador_20179478954\/corteconstitucionalcronologico202454587\/t-775-05\/\" class=\"_self\" target=\"_self\" >T-775-05<\/a><\/h4>\n<div class=\"pt-cv-content\">\u00a0 \u00a0 Sentencia T-775\/05 \u00a0 ACCION DE TUTELA CONTRA MEDIOS DE COMUNICACION- Solicitud previa de rectificaci\u00f3n al medio informativo como requisito de procedibilidad\u00a0 \u00a0 LIBERTAD DE EXPRESION Y LIBERTAD DE OPINION-Prevalencia prima facie \u00a0 LIBERTAD DE PRENSA-Importancia para la democracia y el libre desarrollo de las personas \u00a0 DERECHO A LA HONRA Y AL BUEN NOMBRE-Diferencias\/DERECHO AL BUEN NOMBRE Y A LA HONRA-\u00c1mbitos protegidos \u00a0 LIBERTAD DE OPINION-Contenido\/LIBERTAD DE OPINION-Ejercicio leg\u00edtimo y necesario a pesar de sus consecuencias\/LIBERTAD DE OPINION-No es absoluta \u00a0 MEDIOS DE COMUNICACION-Deber de veracidad relacionada con el tipo de informaci\u00f3n que se da sobre la persona ...<br \/><div class=\"pt-cv-rmwrap\"><a href=\"https:\/\/www.dmsjuridica.com\/buscador_20179478954\/corteconstitucionalcronologico202454587\/t-775-05\/\" class=\"_self pt-cv-readmore btn btn-success\" target=\"_self\">Ver Sentencia Completa...<\/a><\/div><\/div><\/div><\/div>\n<div class=\"col-md-12 col-sm-12 col-xs-12 pt-cv-content-item pt-cv-1-col\" ><div class='pt-cv-ifield'><a href=\"https:\/\/www.dmsjuridica.com\/buscador_20179478954\/corteconstitucionalcronologico202454587\/t-774-05\/\" class=\"_self pt-cv-href-thumbnail pt-cv-thumb-default\" target=\"_self\" ><\/a>\n<div class=\"pt-cv-taxoterm above_title\"><a href='https:\/\/www.dmsjuridica.com\/buscador_20179478954\/corteconstitucionalcronologico202454587\/category\/buscar-en-toda-la-corte\/2005\/tutelas-2005\/' title='Tutelas 2005' class='pt-cv-tax-tutelas-2005'>Tutelas 2005<\/a><\/div>\n<h4 class=\"pt-cv-title\"><a href=\"https:\/\/www.dmsjuridica.com\/buscador_20179478954\/corteconstitucionalcronologico202454587\/t-774-05\/\" class=\"_self\" target=\"_self\" >T-774-05<\/a><\/h4>\n<div class=\"pt-cv-content\">\u00a0 \u00a0 Sentencia T-774\/05 \u00a0 DERECHO A LA SALUD-Fundamental por conexidad\u00a0 \u00a0 PERSONA DE LA TERCERA EDAD-Protecci\u00f3n y asistencia especial de la familia y el Estado en desarrollo del principio de solidaridad \u00a0 INAPLICACION DE NORMAS DEL PLAN OBLIGATORIO DE SALUD-Hip\u00f3tesis f\u00e1ctica que la determina \u00a0 INCAPACIDAD ECONOMICA EN MATERIA DE SALUD-Reglas jurisprudenciales sobre la prueba \u00a0 Referencia: expediente T-1084644 \u00a0 Acci\u00f3n de tutela instaurada por Alicia Teresa Vizcaino Vda. de Gonzalez contra COMPENSAR E.P.S. \u00a0 Magistrado Ponente: \u00a0 Dr. JAIME ARA\u00daJO RENTER\u00cdA \u00a0 Bogot\u00e1, D. C., veinticinco (25) de julio de dos mil cinco (2005). \u00a0 La Sala Primera ...<br \/><div class=\"pt-cv-rmwrap\"><a href=\"https:\/\/www.dmsjuridica.com\/buscador_20179478954\/corteconstitucionalcronologico202454587\/t-774-05\/\" class=\"_self pt-cv-readmore btn btn-success\" target=\"_self\">Ver Sentencia Completa...<\/a><\/div><\/div><\/div><\/div>\n<div class=\"col-md-12 col-sm-12 col-xs-12 pt-cv-content-item pt-cv-1-col\" ><div class='pt-cv-ifield'><a href=\"https:\/\/www.dmsjuridica.com\/buscador_20179478954\/corteconstitucionalcronologico202454587\/t-773-05\/\" class=\"_self pt-cv-href-thumbnail pt-cv-thumb-default\" target=\"_self\" ><\/a>\n<div class=\"pt-cv-taxoterm above_title\"><a href='https:\/\/www.dmsjuridica.com\/buscador_20179478954\/corteconstitucionalcronologico202454587\/category\/buscar-en-toda-la-corte\/2005\/tutelas-2005\/' title='Tutelas 2005' class='pt-cv-tax-tutelas-2005'>Tutelas 2005<\/a><\/div>\n<h4 class=\"pt-cv-title\"><a href=\"https:\/\/www.dmsjuridica.com\/buscador_20179478954\/corteconstitucionalcronologico202454587\/t-773-05\/\" class=\"_self\" target=\"_self\" >T-773-05<\/a><\/h4>\n<div class=\"pt-cv-content\">\u00a0 \u00a0 Sentencia T-773\/05 \u00a0 ESTABILIDAD LABORAL REFORZADA DE MADRE CABEZA DE FAMILIA-Protecci\u00f3n especial a trabajadores en condiciones de debilidad manifiesta\u00a0 \u00a0 MADRE CABEZA DE FAMILIA-Acciones afirmativas de especial protecci\u00f3n \u00a0 MADRE CABEZA DE FAMILIA-Presupuestos jurisprudenciales para que una mujer sea considerada como tal \u00a0 MADRE CABEZA DE FAMILIA-Diferentes medidas de protecci\u00f3n\/PROCESOS DE REESTRUCTURACION ADMINISTRATIVA EN ENTIDADES DEL ESTADO-Protecci\u00f3n de la estabilidad laboral reforzada \u00a0 ACCION DE TUTELA PARA ASEGURAR MEDIDAS DE ESTABILIDAD LABORAL REFORZADA-Procedencia por existir vulneraci\u00f3n a mandatos constitucionales\/ACCION DE TUTELA-Mecanismo principal para evitar perjuicio irremediable \u00a0 Referencia: expediente T-1084730 \u00a0 Accionante: Delfy Marina Gil Campos \u00a0 Demandados: ...<br \/><div class=\"pt-cv-rmwrap\"><a href=\"https:\/\/www.dmsjuridica.com\/buscador_20179478954\/corteconstitucionalcronologico202454587\/t-773-05\/\" class=\"_self pt-cv-readmore btn btn-success\" target=\"_self\">Ver Sentencia Completa...<\/a><\/div><\/div><\/div><\/div>\n<div class=\"col-md-12 col-sm-12 col-xs-12 pt-cv-content-item pt-cv-1-col\" ><div class='pt-cv-ifield'><a href=\"https:\/\/www.dmsjuridica.com\/buscador_20179478954\/corteconstitucionalcronologico202454587\/t-772-05\/\" class=\"_self pt-cv-href-thumbnail pt-cv-thumb-default\" target=\"_self\" ><\/a>\n<div class=\"pt-cv-taxoterm above_title\"><a href='https:\/\/www.dmsjuridica.com\/buscador_20179478954\/corteconstitucionalcronologico202454587\/category\/buscar-en-toda-la-corte\/2005\/tutelas-2005\/' title='Tutelas 2005' class='pt-cv-tax-tutelas-2005'>Tutelas 2005<\/a><\/div>\n<h4 class=\"pt-cv-title\"><a href=\"https:\/\/www.dmsjuridica.com\/buscador_20179478954\/corteconstitucionalcronologico202454587\/t-772-05\/\" class=\"_self\" target=\"_self\" >T-772-05<\/a><\/h4>\n<div class=\"pt-cv-content\">\u00a0 \u00a0 Sentencia T-772\/05 \u00a0 SILENCIO ADMINISTRATIVO POSITIVO-Aplicaci\u00f3n en r\u00e9gimen de servicios p\u00fablicos \u00a0 ACCION DE TUTELA-Improcedencia por existir procedimiento administrativo\/ACCION DE TUTELA Y SUPERINTENDENCIA DE SERVICIOS PUBLICOS-Improcedencia por existir procedimiento administrativo \u00a0 DERECHO DE PETICION-Modalidad legal no lo despoja de sustento constitucional \u00a0 Referencia: expediente T-999167 \u00a0 Accionante: Jos\u00e9 Rubelio Romero \u00a0 Accionado: Empresa de Energ\u00eda de Cundinamarca S.A. E.S.P.\u00a0 \u00a0 Magistrado Ponente:\u00a0 \u00a0 Dr. RODRIGO ESCOBAR GIL \u00a0 Bogot\u00e1, D.C., veintis\u00e9is (26) de julio de dos mil cinco (2005). \u00a0 La Sala Quinta de Revisi\u00f3n de la Corte Constitucional, integrada por los Magistrados Rodrigo Escobar Gil, Marco Gerardo ...<br \/><div class=\"pt-cv-rmwrap\"><a href=\"https:\/\/www.dmsjuridica.com\/buscador_20179478954\/corteconstitucionalcronologico202454587\/t-772-05\/\" class=\"_self pt-cv-readmore btn btn-success\" target=\"_self\">Ver Sentencia Completa...<\/a><\/div><\/div><\/div><\/div>\n<div class=\"col-md-12 col-sm-12 col-xs-12 pt-cv-content-item pt-cv-1-col\" ><div class='pt-cv-ifield'><a href=\"https:\/\/www.dmsjuridica.com\/buscador_20179478954\/corteconstitucionalcronologico202454587\/t-771-05\/\" class=\"_self pt-cv-href-thumbnail pt-cv-thumb-default\" target=\"_self\" ><\/a>\n<div class=\"pt-cv-taxoterm above_title\"><a href='https:\/\/www.dmsjuridica.com\/buscador_20179478954\/corteconstitucionalcronologico202454587\/category\/buscar-en-toda-la-corte\/2005\/tutelas-2005\/' title='Tutelas 2005' class='pt-cv-tax-tutelas-2005'>Tutelas 2005<\/a><\/div>\n<h4 class=\"pt-cv-title\"><a href=\"https:\/\/www.dmsjuridica.com\/buscador_20179478954\/corteconstitucionalcronologico202454587\/t-771-05\/\" class=\"_self\" target=\"_self\" >T-771-05<\/a><\/h4>\n<div class=\"pt-cv-content\">\u00a0 \u00a0 Sentencia T-771\/05 \u00a0 DERECHO A LA SALUD-Fundamental por conexidad \u00a0 INAPLICACION DE NORMAS DEL PLAN OBLIGATORIO DE SALUD-Hip\u00f3tesis f\u00e1ctica que la determina\u00a0 \u00a0 DERECHO A LA SALUD-Entrega por parte de E.P.S de bolsas de colostom\u00eda \u00a0 CAPACIDAD ECONOMICA DE PERSONA ENFERMA-Reglas probatorias empleadas por la Corte Constitucional\/DERECHO A LA SALUD-Prueba de la incapacidad econ\u00f3mica para asumir costo del medicamento \u00a0 DERECHO A LA SALUD-Noci\u00f3n de carga soportable\u00a0 \u00a0 Acci\u00f3n de tutela instaurada por V\u00edctor Manuel Portela contra la EPS Seguro Social Seccional Valle. \u00a0 Magistrada Ponente: \u00a0 Dra. CLARA IN\u00c9S VARGAS HERN\u00c1NDEZ \u00a0 Bogot\u00e1, D.C., veinticinco (25) de ...<br \/><div class=\"pt-cv-rmwrap\"><a href=\"https:\/\/www.dmsjuridica.com\/buscador_20179478954\/corteconstitucionalcronologico202454587\/t-771-05\/\" class=\"_self pt-cv-readmore btn btn-success\" target=\"_self\">Ver Sentencia Completa...<\/a><\/div><\/div><\/div><\/div>\n<div class=\"col-md-12 col-sm-12 col-xs-12 pt-cv-content-item pt-cv-1-col\" ><div class='pt-cv-ifield'><a href=\"https:\/\/www.dmsjuridica.com\/buscador_20179478954\/corteconstitucionalcronologico202454587\/t-770-05\/\" class=\"_self pt-cv-href-thumbnail pt-cv-thumb-default\" target=\"_self\" ><\/a>\n<div class=\"pt-cv-taxoterm above_title\"><a href='https:\/\/www.dmsjuridica.com\/buscador_20179478954\/corteconstitucionalcronologico202454587\/category\/buscar-en-toda-la-corte\/2005\/tutelas-2005\/' title='Tutelas 2005' class='pt-cv-tax-tutelas-2005'>Tutelas 2005<\/a><\/div>\n<h4 class=\"pt-cv-title\"><a href=\"https:\/\/www.dmsjuridica.com\/buscador_20179478954\/corteconstitucionalcronologico202454587\/t-770-05\/\" class=\"_self\" target=\"_self\" >T-770-05<\/a><\/h4>\n<div class=\"pt-cv-content\">\u00a0 \u00a0 Sentencia T-770\/05 \u00a0 La figura del \u201cIus Variandi\u201d ha sido definida doctrinalmente como la potestad patronal de variar unilateralmente algunos aspectos de la prestaci\u00f3n de servicios del trabajador, derivada del ejercicio del poder de subordinaci\u00f3n o dependencia del trabajador respecto del empleador, que faculta a \u00e9ste para exigirle el cumplimiento de \u00f3rdenes, en cualquier momento, en cuanto al modo, tiempo o cantidad de trabajo, e imponerle reglamentos. El reconocimiento de la licitud en el ejercicio de esta potestad, que no es no absoluta, depende de su sujeci\u00f3n a los l\u00edmites se\u00f1alados expresamente en el ordenamiento jur\u00eddico, y en ...<br \/><div class=\"pt-cv-rmwrap\"><a href=\"https:\/\/www.dmsjuridica.com\/buscador_20179478954\/corteconstitucionalcronologico202454587\/t-770-05\/\" class=\"_self pt-cv-readmore btn btn-success\" target=\"_self\">Ver Sentencia Completa...<\/a><\/div><\/div><\/div><\/div>\n<div class=\"col-md-12 col-sm-12 col-xs-12 pt-cv-content-item pt-cv-1-col\" ><div class='pt-cv-ifield'><a href=\"https:\/\/www.dmsjuridica.com\/buscador_20179478954\/corteconstitucionalcronologico202454587\/t-769-05\/\" class=\"_self pt-cv-href-thumbnail pt-cv-thumb-default\" target=\"_self\" ><\/a>\n<div class=\"pt-cv-taxoterm above_title\"><a href='https:\/\/www.dmsjuridica.com\/buscador_20179478954\/corteconstitucionalcronologico202454587\/category\/buscar-en-toda-la-corte\/2005\/tutelas-2005\/' title='Tutelas 2005' class='pt-cv-tax-tutelas-2005'>Tutelas 2005<\/a><\/div>\n<h4 class=\"pt-cv-title\"><a href=\"https:\/\/www.dmsjuridica.com\/buscador_20179478954\/corteconstitucionalcronologico202454587\/t-769-05\/\" class=\"_self\" target=\"_self\" >T-769-05<\/a><\/h4>\n<div class=\"pt-cv-content\">\u00a0 \u00a0 Sentencia T-769\/05 \u00a0 ACCION DE TUTELA CONTRA PARTICULARES-Casos en que procede \u00a0 INDEFENSION FRENTE A PARTICULARES-Naturaleza \u00a0 DEBER DE SOLIDARIDAD-Principio constitucional \u00a0 PERSONA EN CONDICION DE DEBILIDAD MANIFIESTA-Estado de vulnerabilidad a causa del acaecimiento de un desastre\/PERSONA EN CONDICION DE DEBILIDAD MANIFIESTA-Protecci\u00f3n especial por parte del estado y la sociedad\u00a0 \u00a0 ACCION DE TUTELA CONTRA PARTICULARES-Procedencia excepcional para la ejecuci\u00f3n de negocio jur\u00eddico por afectar derechos fundamentales \u00a0 Es necesario tener en cuenta que ante una situaci\u00f3n de calamidad o ruina se derivan, por lo menos, dos resultados constitucionalmente relevantes: (i) la obligaci\u00f3n de parte de todos los ...<br \/><div class=\"pt-cv-rmwrap\"><a href=\"https:\/\/www.dmsjuridica.com\/buscador_20179478954\/corteconstitucionalcronologico202454587\/t-769-05\/\" class=\"_self pt-cv-readmore btn btn-success\" target=\"_self\">Ver Sentencia Completa...<\/a><\/div><\/div><\/div><\/div>\n<div class=\"col-md-12 col-sm-12 col-xs-12 pt-cv-content-item pt-cv-1-col\" ><div class='pt-cv-ifield'><a href=\"https:\/\/www.dmsjuridica.com\/buscador_20179478954\/corteconstitucionalcronologico202454587\/t-768-05\/\" class=\"_self pt-cv-href-thumbnail pt-cv-thumb-default\" target=\"_self\" ><\/a>\n<div class=\"pt-cv-taxoterm above_title\"><a href='https:\/\/www.dmsjuridica.com\/buscador_20179478954\/corteconstitucionalcronologico202454587\/category\/buscar-en-toda-la-corte\/2005\/tutelas-2005\/' title='Tutelas 2005' class='pt-cv-tax-tutelas-2005'>Tutelas 2005<\/a><\/div>\n<h4 class=\"pt-cv-title\"><a href=\"https:\/\/www.dmsjuridica.com\/buscador_20179478954\/corteconstitucionalcronologico202454587\/t-768-05\/\" class=\"_self\" target=\"_self\" >T-768-05<\/a><\/h4>\n<div class=\"pt-cv-content\">\u00a0 \u00a0 Sentencia T-768\/05 \u00a0 ACCION DE TUTELA TRANSITORIA-Procedencia excepcional pago de acreencias laborales \u00a0 Como regla general la acci\u00f3n de tutela no es el medio id\u00f3neo para reclamar las prestaciones sociales derivadas una relaci\u00f3n laboral. Teniendo en cuenta las competencias de las diferentes jurisdicciones, es la jurisdicci\u00f3n laboral quien, en principio, est\u00e1 llamada a prestar su concurso para decidir controversias que se inscriben en el desarrollo de un contrato de trabajo. En este orden de ideas, las pretensiones que est\u00e1n dirigidas, por ejemplo, a obtener el pago de salarios, el reconocimiento de prestaciones sociales, el reconocimiento o reliquidaci\u00f3n de ...<br \/><div class=\"pt-cv-rmwrap\"><a href=\"https:\/\/www.dmsjuridica.com\/buscador_20179478954\/corteconstitucionalcronologico202454587\/t-768-05\/\" class=\"_self pt-cv-readmore btn btn-success\" target=\"_self\">Ver Sentencia Completa...<\/a><\/div><\/div><\/div><\/div>\n<div class=\"col-md-12 col-sm-12 col-xs-12 pt-cv-content-item pt-cv-1-col\" ><div class='pt-cv-ifield'><a href=\"https:\/\/www.dmsjuridica.com\/buscador_20179478954\/corteconstitucionalcronologico202454587\/t-767-05\/\" class=\"_self pt-cv-href-thumbnail pt-cv-thumb-default\" target=\"_self\" ><\/a>\n<div class=\"pt-cv-taxoterm above_title\"><a href='https:\/\/www.dmsjuridica.com\/buscador_20179478954\/corteconstitucionalcronologico202454587\/category\/buscar-en-toda-la-corte\/2005\/tutelas-2005\/' title='Tutelas 2005' class='pt-cv-tax-tutelas-2005'>Tutelas 2005<\/a><\/div>\n<h4 class=\"pt-cv-title\"><a href=\"https:\/\/www.dmsjuridica.com\/buscador_20179478954\/corteconstitucionalcronologico202454587\/t-767-05\/\" class=\"_self\" target=\"_self\" >T-767-05<\/a><\/h4>\n<div class=\"pt-cv-content\">\u00a0 \u00a0 Sentencia T-767\/05 \u00a0 DERECHO A LA EDUCACION-Derecho fundamental, derecho prestacional y derecho-deber \u00a0 DERECHO A LA EDUCACION-Servicio p\u00fablico \u00a0 DERECHO A LA EDUCACION-No se vulnera cuando el educando incumple los deberes e irrespeta el manual de convivencia \u00a0 La Corte ha considerado que no se configura una vulneraci\u00f3n del derecho a la educaci\u00f3n del educando en aquellos casos en que es \u00e9l mismo quien incumple los correlativos deberes acad\u00e9micos y el debido respeto al manual de convivencia. Por ejemplo, en sentencia T-569 de 1994 esta Corporaci\u00f3n decidi\u00f3 denegar el amparo solicitado por la madre de un menor que ...<br \/><div class=\"pt-cv-rmwrap\"><a href=\"https:\/\/www.dmsjuridica.com\/buscador_20179478954\/corteconstitucionalcronologico202454587\/t-767-05\/\" class=\"_self pt-cv-readmore btn btn-success\" target=\"_self\">Ver Sentencia Completa...<\/a><\/div><\/div><\/div><\/div>\n<div class=\"col-md-12 col-sm-12 col-xs-12 pt-cv-content-item pt-cv-1-col\" ><div class='pt-cv-ifield'><a href=\"https:\/\/www.dmsjuridica.com\/buscador_20179478954\/corteconstitucionalcronologico202454587\/t-766-05\/\" class=\"_self pt-cv-href-thumbnail pt-cv-thumb-default\" target=\"_self\" ><\/a>\n<div class=\"pt-cv-taxoterm above_title\"><a href='https:\/\/www.dmsjuridica.com\/buscador_20179478954\/corteconstitucionalcronologico202454587\/category\/buscar-en-toda-la-corte\/2005\/tutelas-2005\/' title='Tutelas 2005' class='pt-cv-tax-tutelas-2005'>Tutelas 2005<\/a><\/div>\n<h4 class=\"pt-cv-title\"><a href=\"https:\/\/www.dmsjuridica.com\/buscador_20179478954\/corteconstitucionalcronologico202454587\/t-766-05\/\" class=\"_self\" target=\"_self\" >T-766-05<\/a><\/h4>\n<div class=\"pt-cv-content\">\u00a0 \u00a0 Sentencia T-766\/05 \u00a0 ACCION DE TUTELA-Procedencia excepcional pago de acreencias laborales\/DERECHO AL MINIMO VITAL DEL TRABAJADOR-Presunci\u00f3n de afectaci\u00f3n por ausencia prolongada en pago de salarios \u00a0 EMPLEADOR-Situaci\u00f3n econ\u00f3mica o presupuestal no es \u00f3bice para desconocer pago de salarios \u00a0 EMPLEADOR-Vulnera el derecho a la vida, al trabajo y a la seguridad social al no trasladar en tiempo los aportes a las EPS\u00a0 \u00a0 -Reiteraci\u00f3n de Jurisprudencia- \u00a0 Referencia: expediente T-1085185 \u00a0 Acci\u00f3n de tutela instaurada por la se\u00f1ora Sof\u00eda Esperanza Hern\u00e1ndez Angarita en contra de la Escuela de Formaci\u00f3n Administrativa y en Salud de Santander en liquidaci\u00f3n y ...<br \/><div class=\"pt-cv-rmwrap\"><a href=\"https:\/\/www.dmsjuridica.com\/buscador_20179478954\/corteconstitucionalcronologico202454587\/t-766-05\/\" class=\"_self pt-cv-readmore btn btn-success\" target=\"_self\">Ver Sentencia Completa...<\/a><\/div><\/div><\/div><\/div>\n<div class=\"col-md-12 col-sm-12 col-xs-12 pt-cv-content-item pt-cv-1-col\" ><div class='pt-cv-ifield'><a href=\"https:\/\/www.dmsjuridica.com\/buscador_20179478954\/corteconstitucionalcronologico202454587\/t-765-05\/\" class=\"_self pt-cv-href-thumbnail pt-cv-thumb-default\" target=\"_self\" ><\/a>\n<div class=\"pt-cv-taxoterm above_title\"><a href='https:\/\/www.dmsjuridica.com\/buscador_20179478954\/corteconstitucionalcronologico202454587\/category\/buscar-en-toda-la-corte\/2005\/tutelas-2005\/' title='Tutelas 2005' class='pt-cv-tax-tutelas-2005'>Tutelas 2005<\/a><\/div>\n<h4 class=\"pt-cv-title\"><a href=\"https:\/\/www.dmsjuridica.com\/buscador_20179478954\/corteconstitucionalcronologico202454587\/t-765-05\/\" class=\"_self\" target=\"_self\" >T-765-05<\/a><\/h4>\n<div class=\"pt-cv-content\">\u00a0 \u00a0 Sentencia T-765\/05 \u00a0 Referencia: expediente T-1083087 \u00a0 Acci\u00f3n de tutela instaurada por Alexander Colorado Mondrag\u00f3n contra la Caja de Compensaci\u00f3n Familiar Comfenalco del Valle del Cauca, Comfenalco Valle. \u00a0 Magistrado ponente: \u00a0 Dr. HUMBERTO ANTONIO SIERRA PORTO. \u00a0 Bogot\u00e1 D.C., veintid\u00f3s (22) de julio de dos mil cinco (2005). \u00a0 La Sala S\u00e9ptima de Revisi\u00f3n de la Corte Constitucional, integrada por los magistrados Clara In\u00e9s Vargas Hern\u00e1ndez, \u00c1lvaro Tafur Galvis y Humberto Antonio Sierra Porto, quien la preside, en ejercicio de sus competencias constitucionales y legales, espec\u00edficamente las previstas en los art\u00edculos 86 y 241, numeral 9\u00ba, de ...<br \/><div class=\"pt-cv-rmwrap\"><a href=\"https:\/\/www.dmsjuridica.com\/buscador_20179478954\/corteconstitucionalcronologico202454587\/t-765-05\/\" class=\"_self pt-cv-readmore btn btn-success\" target=\"_self\">Ver Sentencia Completa...<\/a><\/div><\/div><\/div><\/div>\n<div class=\"col-md-12 col-sm-12 col-xs-12 pt-cv-content-item pt-cv-1-col\" ><div class='pt-cv-ifield'><a href=\"https:\/\/www.dmsjuridica.com\/buscador_20179478954\/corteconstitucionalcronologico202454587\/t-764-05\/\" class=\"_self pt-cv-href-thumbnail pt-cv-thumb-default\" target=\"_self\" ><\/a>\n<div class=\"pt-cv-taxoterm above_title\"><a href='https:\/\/www.dmsjuridica.com\/buscador_20179478954\/corteconstitucionalcronologico202454587\/category\/buscar-en-toda-la-corte\/2005\/tutelas-2005\/' title='Tutelas 2005' class='pt-cv-tax-tutelas-2005'>Tutelas 2005<\/a><\/div>\n<h4 class=\"pt-cv-title\"><a href=\"https:\/\/www.dmsjuridica.com\/buscador_20179478954\/corteconstitucionalcronologico202454587\/t-764-05\/\" class=\"_self\" target=\"_self\" >T-764-05<\/a><\/h4>\n<div class=\"pt-cv-content\">\u00a0 \u00a0 Sentencia T-764\/05\u00a0 \u00a0 DERECHO DE ASOCIACION SINDICAL-Alcance \u00a0 DERECHO DE ASOCIACION SINDICAL-Vulneraci\u00f3n por despido sin autorizaci\u00f3n judicial \u00a0 EMPLEADOR-Discrecionalidad para el despido de un trabajador no es absoluta\/EMPLEADOR-Estabilidad propia e impropia como l\u00edmites de la discrecionalidad que la ley le ha otorgado. \u00a0 ESTABILIDAD LABORAL REFORZADA-Protecci\u00f3n constitucional especial \u00a0 ACCION DE TUTELA PARA REINTEGRO AL CARGO DE TRABAJADOR SINDICALIZADO-Regla jurisprudencial para procedencia excepcional\/ACCION DE TUTELA PARA REINTEGRO AL CARGO DE TRABAJADOR SINDICALIZADO-Inversi\u00f3n de la carga de la prueba \u00a0 ACCION DE TUTELA PARA REINTEGRO AL CARGO DE TRABAJADOR SINDICALIZADO-Factores que se deben evaluar para determinar si la conducta ...<br \/><div class=\"pt-cv-rmwrap\"><a href=\"https:\/\/www.dmsjuridica.com\/buscador_20179478954\/corteconstitucionalcronologico202454587\/t-764-05\/\" class=\"_self pt-cv-readmore btn btn-success\" target=\"_self\">Ver Sentencia Completa...<\/a><\/div><\/div><\/div><\/div>\n<div class=\"col-md-12 col-sm-12 col-xs-12 pt-cv-content-item pt-cv-1-col\" ><div class='pt-cv-ifield'><a href=\"https:\/\/www.dmsjuridica.com\/buscador_20179478954\/corteconstitucionalcronologico202454587\/t-763-05\/\" class=\"_self pt-cv-href-thumbnail pt-cv-thumb-default\" target=\"_self\" ><\/a>\n<div class=\"pt-cv-taxoterm above_title\"><a href='https:\/\/www.dmsjuridica.com\/buscador_20179478954\/corteconstitucionalcronologico202454587\/category\/buscar-en-toda-la-corte\/2005\/tutelas-2005\/' title='Tutelas 2005' class='pt-cv-tax-tutelas-2005'>Tutelas 2005<\/a><\/div>\n<h4 class=\"pt-cv-title\"><a href=\"https:\/\/www.dmsjuridica.com\/buscador_20179478954\/corteconstitucionalcronologico202454587\/t-763-05\/\" class=\"_self\" target=\"_self\" >T-763-05<\/a><\/h4>\n<div class=\"pt-cv-content\">\u00a0 \u00a0 Sentencia T-763\/05 \u00a0 ACTIVIDAD BANCARIA-Es un servicio p\u00fablico \u00a0 ACCION DE TUTELA CONTRA BANCOS-Requisitos para su procedencia \u00a0 ACTIVIDAD BANCARIA-Exclusi\u00f3n de clientes debe responder s\u00f3lo a factores objetivos y razonables que impliquen riesgo econ\u00f3mico para la entidad\u00a0 \u00a0 ACTIVIDAD BANCARIA-L\u00edmites a la autonom\u00eda de la voluntad negocial \u00a0 ENTIDAD BANCARIA-Pautas para determinar cuando se \u00a0vulneran derechos fundamentales en ejercicio de su libertad contractual\u00a0 \u00a0 Para saber cu\u00e1ndo el ejercicio de la libertad contractual de los bancos constitu\u00eda un bloqueo financiero y, por tanto, vulneraba los derechos fundamentales del individuo a la personalidad jur\u00eddica o a la igualdad en ...<br \/><div class=\"pt-cv-rmwrap\"><a href=\"https:\/\/www.dmsjuridica.com\/buscador_20179478954\/corteconstitucionalcronologico202454587\/t-763-05\/\" class=\"_self pt-cv-readmore btn btn-success\" target=\"_self\">Ver Sentencia Completa...<\/a><\/div><\/div><\/div><\/div>\n<div class=\"col-md-12 col-sm-12 col-xs-12 pt-cv-content-item pt-cv-1-col\" ><div class='pt-cv-ifield'><a href=\"https:\/\/www.dmsjuridica.com\/buscador_20179478954\/corteconstitucionalcronologico202454587\/t-762-05\/\" class=\"_self pt-cv-href-thumbnail pt-cv-thumb-default\" target=\"_self\" ><\/a>\n<div class=\"pt-cv-taxoterm above_title\"><a href='https:\/\/www.dmsjuridica.com\/buscador_20179478954\/corteconstitucionalcronologico202454587\/category\/buscar-en-toda-la-corte\/2005\/tutelas-2005\/' title='Tutelas 2005' class='pt-cv-tax-tutelas-2005'>Tutelas 2005<\/a><\/div>\n<h4 class=\"pt-cv-title\"><a href=\"https:\/\/www.dmsjuridica.com\/buscador_20179478954\/corteconstitucionalcronologico202454587\/t-762-05\/\" class=\"_self\" target=\"_self\" >T-762-05<\/a><\/h4>\n<div class=\"pt-cv-content\">\u00a0 \u00a0 Sentencia T-762\/05 \u00a0 DERECHO A LA SALUD DEL MENOR-Fundamental aut\u00f3nomo\u00a0 \u00a0 INAPLICACION DE NORMAS DEL PLAN OBLIGATORIO DE SALUD-Hip\u00f3tesis f\u00e1cticas que la determinan\u00a0 \u00a0 DERECHO A LA SALUD-Incorpora el derecho al diagn\u00f3stico\u00a0 \u00a0 -Reiteraci\u00f3n de Jurisprudencia- \u00a0 Referencia: expediente T-1098900 \u00a0 Acci\u00f3n de tutela instaurada por el se\u00f1or Fernando Orozco Zapata en representaci\u00f3n de Andr\u00e9s Felipe Orozco Qui\u00f1\u00f3nez, contra COOMEVA EPS. \u00a0 Magistrado Ponente:\u00a0 \u00a0 Dr. HUMBERTO ANTONIO SIERRA PORTO. \u00a0 Bogot\u00e1, D.C., quince (15) de julio de dos mil cinco (2005). \u00a0 La Sala S\u00e9ptima de Revisi\u00f3n de la Corte Constitucional, integrada por los magistrados Clara In\u00e9s ...<br \/><div class=\"pt-cv-rmwrap\"><a href=\"https:\/\/www.dmsjuridica.com\/buscador_20179478954\/corteconstitucionalcronologico202454587\/t-762-05\/\" class=\"_self pt-cv-readmore btn btn-success\" target=\"_self\">Ver Sentencia Completa...<\/a><\/div><\/div><\/div><\/div>\n<div class=\"col-md-12 col-sm-12 col-xs-12 pt-cv-content-item pt-cv-1-col\" ><div class='pt-cv-ifield'><a href=\"https:\/\/www.dmsjuridica.com\/buscador_20179478954\/corteconstitucionalcronologico202454587\/t-761-05\/\" class=\"_self pt-cv-href-thumbnail pt-cv-thumb-default\" target=\"_self\" ><\/a>\n<div class=\"pt-cv-taxoterm above_title\"><a href='https:\/\/www.dmsjuridica.com\/buscador_20179478954\/corteconstitucionalcronologico202454587\/category\/buscar-en-toda-la-corte\/2005\/tutelas-2005\/' title='Tutelas 2005' class='pt-cv-tax-tutelas-2005'>Tutelas 2005<\/a><\/div>\n<h4 class=\"pt-cv-title\"><a href=\"https:\/\/www.dmsjuridica.com\/buscador_20179478954\/corteconstitucionalcronologico202454587\/t-761-05\/\" class=\"_self\" target=\"_self\" >T-761-05<\/a><\/h4>\n<div class=\"pt-cv-content\">\u00a0 \u00a0 Sentencia T-761\/05 \u00a0 DERECHO DE PETICION-Elementos del n\u00facleo conceptual \u00a0 SILENCIO ADMINISTRATIVO NEGATIVO-No satisface el derecho de petici\u00f3n \u00a0 CESANTIAS PARCIALES-Reconocimiento no sujeto a disponibilidad presupuestal \u00a0 -Reiteraci\u00f3n de Jurisprudencia- \u00a0 Referencia: expediente T-1095213 \u00a0 Acci\u00f3n de tutela instaurada por el se\u00f1or Jes\u00fas Anuar Ramos D\u00edaz en contra del Fondo Nacional de Prestaciones Sociales del Magisterio y otros. \u00a0 Magistrado Ponente:\u00a0 \u00a0 Dr. HUMBERTO ANTONIO SIERRA PORTO. \u00a0 Bogot\u00e1, D.C., quince (15) de julio de dos mil cinco (2005). \u00a0 La Sala S\u00e9ptima de Revisi\u00f3n de la Corte Constitucional, integrada por los magistrados Clara In\u00e9s Vargas Hern\u00e1ndez, Alvaro ...<br \/><div class=\"pt-cv-rmwrap\"><a href=\"https:\/\/www.dmsjuridica.com\/buscador_20179478954\/corteconstitucionalcronologico202454587\/t-761-05\/\" class=\"_self pt-cv-readmore btn btn-success\" target=\"_self\">Ver Sentencia Completa...<\/a><\/div><\/div><\/div><\/div>\n<div class=\"col-md-12 col-sm-12 col-xs-12 pt-cv-content-item pt-cv-1-col\" ><div class='pt-cv-ifield'><a href=\"https:\/\/www.dmsjuridica.com\/buscador_20179478954\/corteconstitucionalcronologico202454587\/t-760-05\/\" class=\"_self pt-cv-href-thumbnail pt-cv-thumb-default\" target=\"_self\" ><\/a>\n<div class=\"pt-cv-taxoterm above_title\"><a href='https:\/\/www.dmsjuridica.com\/buscador_20179478954\/corteconstitucionalcronologico202454587\/category\/buscar-en-toda-la-corte\/2005\/tutelas-2005\/' title='Tutelas 2005' class='pt-cv-tax-tutelas-2005'>Tutelas 2005<\/a><\/div>\n<h4 class=\"pt-cv-title\"><a href=\"https:\/\/www.dmsjuridica.com\/buscador_20179478954\/corteconstitucionalcronologico202454587\/t-760-05\/\" class=\"_self\" target=\"_self\" >T-760-05<\/a><\/h4>\n<div class=\"pt-cv-content\">\u00a0 \u00a0 Sentencia T-760\/05 \u00a0 ACCION DE TUTELA-Subsidiariedad \u00a0 ACCION DE CUMPLIMIENTO-Mecanismo judicial id\u00f3neo para ordenar la ejecuci\u00f3n del gasto debidamente aprobado \u00a0 ACCION DE TUTELA-Procedencia excepcional para el pago oportuno de salarios cuando se afecta el m\u00ednimo vital \u00a0 ACCION DE TUTELA-Hecho superado \u00a0 Referencia: expediente T-1079874 \u00a0 Acci\u00f3n de tutela instaurada por Pedro Antonio Plaza Aldana, en calidad de Personero Municipal de Caimito, Sucre, contra Alejandro De La Ossa Montiel, Alcalde del mencionado Municipio. \u00a0 Magistrado Ponente: \u00a0 Dr. HUMBERTO ANTONIO SIERRA PORTO. \u00a0 Bogot\u00e1 D.C., quince (15) de julio de dos mil cinco (2005). \u00a0 La Sala ...<br \/><div class=\"pt-cv-rmwrap\"><a href=\"https:\/\/www.dmsjuridica.com\/buscador_20179478954\/corteconstitucionalcronologico202454587\/t-760-05\/\" class=\"_self pt-cv-readmore btn btn-success\" target=\"_self\">Ver Sentencia Completa...<\/a><\/div><\/div><\/div><\/div>\n<div class=\"col-md-12 col-sm-12 col-xs-12 pt-cv-content-item pt-cv-1-col\" ><div class='pt-cv-ifield'><a href=\"https:\/\/www.dmsjuridica.com\/buscador_20179478954\/corteconstitucionalcronologico202454587\/t-759-05\/\" class=\"_self pt-cv-href-thumbnail pt-cv-thumb-default\" target=\"_self\" ><\/a>\n<div class=\"pt-cv-taxoterm above_title\"><a href='https:\/\/www.dmsjuridica.com\/buscador_20179478954\/corteconstitucionalcronologico202454587\/category\/buscar-en-toda-la-corte\/2005\/tutelas-2005\/' title='Tutelas 2005' class='pt-cv-tax-tutelas-2005'>Tutelas 2005<\/a><\/div>\n<h4 class=\"pt-cv-title\"><a href=\"https:\/\/www.dmsjuridica.com\/buscador_20179478954\/corteconstitucionalcronologico202454587\/t-759-05\/\" class=\"_self\" target=\"_self\" >T-759-05<\/a><\/h4>\n<div class=\"pt-cv-content\">\u00a0 \u00a0 Sentencia T-759\/05 \u00a0 ACCION DE TUTELA TRANSITORIA-Procedencia excepcional para reintegro por despido de mujer embarazada\/ACCION DE TUTELA TRANSITORIA-Supuestos jurisprudenciales que deben darse para su procedencia\u00a0 \u00a0 La terminaci\u00f3n unilateral sin justa causa de los contratos laborales de la mujer en estado de embarazo, trasciende el plano legal y se convierte en una situaci\u00f3n constitucionalmente relevante, susceptible de ser debatida en el \u00e1mbito de la acci\u00f3n de tutela, siempre y cuando est\u00e9n presentes los supuestos se\u00f1alados por la jurisprudencia de esta Corporaci\u00f3n. Supuestos que una vez verificados har\u00e1n procedente el amparo constitucional de manera transitoria para evitar un perjuicio ...<br \/><div class=\"pt-cv-rmwrap\"><a href=\"https:\/\/www.dmsjuridica.com\/buscador_20179478954\/corteconstitucionalcronologico202454587\/t-759-05\/\" class=\"_self pt-cv-readmore btn btn-success\" target=\"_self\">Ver Sentencia Completa...<\/a><\/div><\/div><\/div><\/div>\n<div class=\"col-md-12 col-sm-12 col-xs-12 pt-cv-content-item pt-cv-1-col\" ><div class='pt-cv-ifield'><a href=\"https:\/\/www.dmsjuridica.com\/buscador_20179478954\/corteconstitucionalcronologico202454587\/t-758-05\/\" class=\"_self pt-cv-href-thumbnail pt-cv-thumb-default\" target=\"_self\" ><\/a>\n<div class=\"pt-cv-taxoterm above_title\"><a href='https:\/\/www.dmsjuridica.com\/buscador_20179478954\/corteconstitucionalcronologico202454587\/category\/buscar-en-toda-la-corte\/2005\/tutelas-2005\/' title='Tutelas 2005' class='pt-cv-tax-tutelas-2005'>Tutelas 2005<\/a><\/div>\n<h4 class=\"pt-cv-title\"><a href=\"https:\/\/www.dmsjuridica.com\/buscador_20179478954\/corteconstitucionalcronologico202454587\/t-758-05\/\" class=\"_self\" target=\"_self\" >T-758-05<\/a><\/h4>\n<div class=\"pt-cv-content\">\u00a0 \u00a0 Sentencia T-758\/05 \u00a0 DERECHO DE PETICION EN MATERIA PENSIONAL-Solicitud de pensi\u00f3n de sustituci\u00f3n en favor de menores hu\u00e9rfanas \u00a0 AGENCIA OFICIOSA-T\u00eda en representaci\u00f3n de sobrinas\/ACCION DE TUTELA CONTRA EL SEGURO SOCIAL-Procede sin importar si quien interpuso la acci\u00f3n fue quien efectu\u00f3 la petici\u00f3n por tratarse de menores de edad \u00a0 ACCION DE TUTELA CONTRA EL SEGURO SOCIAL-Hecho superado\u00a0 \u00a0 Reiteraci\u00f3n de Jurisprudencia \u00a0 Referencia: expediente T-1085284 \u00a0 Acci\u00f3n de tutela instaurada por Luz Marina G\u00f3mez Gaviria contra el Seguro Social, Seccional Antioquia.\u00a0 \u00a0 Magistrado Ponente: \u00a0 Dr. JAIME CORDOBA TRIVI\u00d1O \u00a0 Bogot\u00e1, D. C., quince (15) de julio ...<br \/><div class=\"pt-cv-rmwrap\"><a href=\"https:\/\/www.dmsjuridica.com\/buscador_20179478954\/corteconstitucionalcronologico202454587\/t-758-05\/\" class=\"_self pt-cv-readmore btn btn-success\" target=\"_self\">Ver Sentencia Completa...<\/a><\/div><\/div><\/div><\/div>\n<div class=\"col-md-12 col-sm-12 col-xs-12 pt-cv-content-item pt-cv-1-col\" ><div class='pt-cv-ifield'><a href=\"https:\/\/www.dmsjuridica.com\/buscador_20179478954\/corteconstitucionalcronologico202454587\/t-757-05\/\" class=\"_self pt-cv-href-thumbnail pt-cv-thumb-default\" target=\"_self\" ><\/a>\n<div class=\"pt-cv-taxoterm above_title\"><a href='https:\/\/www.dmsjuridica.com\/buscador_20179478954\/corteconstitucionalcronologico202454587\/category\/buscar-en-toda-la-corte\/2005\/tutelas-2005\/' title='Tutelas 2005' class='pt-cv-tax-tutelas-2005'>Tutelas 2005<\/a><\/div>\n<h4 class=\"pt-cv-title\"><a href=\"https:\/\/www.dmsjuridica.com\/buscador_20179478954\/corteconstitucionalcronologico202454587\/t-757-05\/\" class=\"_self\" target=\"_self\" >T-757-05<\/a><\/h4>\n<div class=\"pt-cv-content\">\u00a0 \u00a0 Sentencia T-757\/05 \u00a0 ACCION DE TUTELA CONTRA LA FUERZA AEREA COLOMBIANA-Vulneraci\u00f3n al debido proceso y a la igualdad por no haberse dado ascenso de mujer \u00a0 ACCION DE TUTELA-Improcedencia por no haberse demostrado perjuicio irremediable \u00a0 La Sala advierte que en el presente asunto no se est\u00e1 ante la inminencia de un perjuicio irremediable que, de conformidad con el precedente reiterado, permita conceder el amparo invocado como mecanismo transitorio. \u00a0As\u00ed, la acci\u00f3n de tutela impetrada por la ciudadana Becerra P\u00e9rez resulta improcedente. \u00a0No obstante, tal improcedencia obra sin perjuicio que la legalidad de las actuaciones realizadas por la ...<br \/><div class=\"pt-cv-rmwrap\"><a href=\"https:\/\/www.dmsjuridica.com\/buscador_20179478954\/corteconstitucionalcronologico202454587\/t-757-05\/\" class=\"_self pt-cv-readmore btn btn-success\" target=\"_self\">Ver Sentencia Completa...<\/a><\/div><\/div><\/div><\/div>\n<div class=\"col-md-12 col-sm-12 col-xs-12 pt-cv-content-item pt-cv-1-col\" ><div class='pt-cv-ifield'><a href=\"https:\/\/www.dmsjuridica.com\/buscador_20179478954\/corteconstitucionalcronologico202454587\/t-756-05\/\" class=\"_self pt-cv-href-thumbnail pt-cv-thumb-default\" target=\"_self\" ><\/a>\n<div class=\"pt-cv-taxoterm above_title\"><a href='https:\/\/www.dmsjuridica.com\/buscador_20179478954\/corteconstitucionalcronologico202454587\/category\/buscar-en-toda-la-corte\/2005\/tutelas-2005\/' title='Tutelas 2005' class='pt-cv-tax-tutelas-2005'>Tutelas 2005<\/a><\/div>\n<h4 class=\"pt-cv-title\"><a href=\"https:\/\/www.dmsjuridica.com\/buscador_20179478954\/corteconstitucionalcronologico202454587\/t-756-05\/\" class=\"_self\" target=\"_self\" >T-756-05<\/a><\/h4>\n<div class=\"pt-cv-content\">\u00a0 \u00a0 Sentencia T-756\/05 \u00a0 INAPLICACION DE NORMAS DEL PLAN OBLIGATORIO DE SALUD-Requisitos que deben cumplir pacientes con enfermedades catastr\u00f3ficas \u00a0 DERECHO A LA SALUD-No se cumpli\u00f3 el requisito de la incapacidad econ\u00f3mica para cubrir tratamiento m\u00e9dico \u00a0 Referencia: expediente T-1063200 \u00a0 Acci\u00f3n de tutela de Alba Julia Catuche de Ortega contra el Instituto de Seguros Sociales y FOSYGA. \u00a0 Magistrado Ponente:\u00a0 \u00a0 Dr. JAIME C\u00d3RDOBA TRIVI\u00d1O \u00a0 Bogot\u00e1, D. C., quince (15) de julio de dos mil cinco (2005). \u00a0 La Sala Cuarta de Revisi\u00f3n de la Corte Constitucional, integrada por los magistrados Jaime C\u00f3rdoba Trivi\u00f1o, Rodrigo Escobar Gil ...<br \/><div class=\"pt-cv-rmwrap\"><a href=\"https:\/\/www.dmsjuridica.com\/buscador_20179478954\/corteconstitucionalcronologico202454587\/t-756-05\/\" class=\"_self pt-cv-readmore btn btn-success\" target=\"_self\">Ver Sentencia Completa...<\/a><\/div><\/div><\/div><\/div>\n<div class=\"col-md-12 col-sm-12 col-xs-12 pt-cv-content-item pt-cv-1-col\" ><div class='pt-cv-ifield'><a href=\"https:\/\/www.dmsjuridica.com\/buscador_20179478954\/corteconstitucionalcronologico202454587\/t-755-05\/\" class=\"_self pt-cv-href-thumbnail pt-cv-thumb-default\" target=\"_self\" ><\/a>\n<div class=\"pt-cv-taxoterm above_title\"><a href='https:\/\/www.dmsjuridica.com\/buscador_20179478954\/corteconstitucionalcronologico202454587\/category\/buscar-en-toda-la-corte\/2005\/tutelas-2005\/' title='Tutelas 2005' class='pt-cv-tax-tutelas-2005'>Tutelas 2005<\/a><\/div>\n<h4 class=\"pt-cv-title\"><a href=\"https:\/\/www.dmsjuridica.com\/buscador_20179478954\/corteconstitucionalcronologico202454587\/t-755-05\/\" class=\"_self\" target=\"_self\" >T-755-05<\/a><\/h4>\n<div class=\"pt-cv-content\">\u00a0 \u00a0 Sentencia T-755\/05 \u00a0 DERECHO A LA IGUALDAD Y PENSION DE INVALIDEZ-Diferencia de reg\u00edmenes \u00a0 PENSION DE INVALIDEZ-R\u00e9gimen com\u00fan y r\u00e9gimen especial de la fuerza p\u00fablica \u00a0 ACCION DE TUTELA-Procedencia para obtener reconocimiento de prestaciones fundamentales en salud\/FUERZAS MILITARES Y POLICIA NACIONAL-Derechos del personal tienen un plus constitucional de protecci\u00f3n \u00a0 Resulta contraria a los principios constitucionales de solidaridad y de protecci\u00f3n espacial a personas en situaci\u00f3n de debilidad manifiesta, una interpretaci\u00f3n literal del ordenamiento jur\u00eddico en materia de salud y seguridad social de la Fuerza P\u00fablica que se oriente a restringir o impedir la continuidad del acceso a ...<br \/><div class=\"pt-cv-rmwrap\"><a href=\"https:\/\/www.dmsjuridica.com\/buscador_20179478954\/corteconstitucionalcronologico202454587\/t-755-05\/\" class=\"_self pt-cv-readmore btn btn-success\" target=\"_self\">Ver Sentencia Completa...<\/a><\/div><\/div><\/div><\/div>\n<div class=\"col-md-12 col-sm-12 col-xs-12 pt-cv-content-item pt-cv-1-col\" ><div class='pt-cv-ifield'><a href=\"https:\/\/www.dmsjuridica.com\/buscador_20179478954\/corteconstitucionalcronologico202454587\/t-754-05\/\" class=\"_self pt-cv-href-thumbnail pt-cv-thumb-default\" target=\"_self\" ><\/a>\n<div class=\"pt-cv-taxoterm above_title\"><a href='https:\/\/www.dmsjuridica.com\/buscador_20179478954\/corteconstitucionalcronologico202454587\/category\/buscar-en-toda-la-corte\/2005\/tutelas-2005\/' title='Tutelas 2005' class='pt-cv-tax-tutelas-2005'>Tutelas 2005<\/a><\/div>\n<h4 class=\"pt-cv-title\"><a href=\"https:\/\/www.dmsjuridica.com\/buscador_20179478954\/corteconstitucionalcronologico202454587\/t-754-05\/\" class=\"_self\" target=\"_self\" >T-754-05<\/a><\/h4>\n<div class=\"pt-cv-content\">\u00a0 \u00a0 Sentencia T-754\/05 \u00a0 DERECHO A LA SALUD DEL MENOR-Fundamental aut\u00f3nomo \u00a0 DERECHO A LA SALUD-Criterios basados en la afectaci\u00f3n del n\u00facleo esencial para determinar la procedencia de la acci\u00f3n de tutela\u00a0 \u00a0 ENTIDAD PROMOTORA DE SALUD-No puede oponer obst\u00e1culos de tipo legal ni econ\u00f3mico para el tratamiento de enfermedad catastr\u00f3fica de \u00a0un ni\u00f1o\/ENTIDAD PROMOTORA DE SALUD-Prevalencia en la atenci\u00f3n preferente y especializada a los ni\u00f1os a\u00fan cuando no existe un pronostico favorable de curaci\u00f3n\/ENTIDAD PROMOTORA DE SALUD-Deber de respetar el principio de continuidad \u00a0 REGIMEN SUBSIDIADO DE SEGURIDAD SOCIAL EN SALUD-Poblaci\u00f3n vinculada debe pagar el copago\/REGIMEN SUBSIDIADO DE ...<br \/><div class=\"pt-cv-rmwrap\"><a href=\"https:\/\/www.dmsjuridica.com\/buscador_20179478954\/corteconstitucionalcronologico202454587\/t-754-05\/\" class=\"_self pt-cv-readmore btn btn-success\" target=\"_self\">Ver Sentencia Completa...<\/a><\/div><\/div><\/div><\/div>\n<div class=\"col-md-12 col-sm-12 col-xs-12 pt-cv-content-item pt-cv-1-col\" ><div class='pt-cv-ifield'><a href=\"https:\/\/www.dmsjuridica.com\/buscador_20179478954\/corteconstitucionalcronologico202454587\/t-753-05\/\" class=\"_self pt-cv-href-thumbnail pt-cv-thumb-default\" target=\"_self\" ><\/a>\n<div class=\"pt-cv-taxoterm above_title\"><a href='https:\/\/www.dmsjuridica.com\/buscador_20179478954\/corteconstitucionalcronologico202454587\/category\/buscar-en-toda-la-corte\/2005\/tutelas-2005\/' title='Tutelas 2005' class='pt-cv-tax-tutelas-2005'>Tutelas 2005<\/a><\/div>\n<h4 class=\"pt-cv-title\"><a href=\"https:\/\/www.dmsjuridica.com\/buscador_20179478954\/corteconstitucionalcronologico202454587\/t-753-05\/\" class=\"_self\" target=\"_self\" >T-753-05<\/a><\/h4>\n<div class=\"pt-cv-content\">\u00a0 \u00a0 Sentencia T-753\/05 \u00a0 DEBIDO PROCESO-Garant\u00edas m\u00ednimas que consagra este derecho \u00a0 DEBIDO PROCESO SIN DILACIONES INJUSTIFICADAS-Principio de celeridad y eficiencia que deben caracterizar la administraci\u00f3n de justicia\/DEBIDO PROCESO SIN DILACIONES INJUSTIFICADAS-La justicia tard\u00eda no es justa\u00a0 \u00a0 JUEZ DE EJECUCION DE PENAS-Sus funciones orientadas a garantizar la legalidad de la sanci\u00f3n, a supervisar y controlar la ejecuci\u00f3n de la pena \u00a0 DEBIDO PROCESO-Vulneraci\u00f3n por no haberse remitido en tiempo el expediente del actor al juez de ejecuci\u00f3n de penas\u00a0 \u00a0 ACCION DE TUTELA-Hecho superado \u00a0 Referencia: expediente T-1078426 \u00a0 Acci\u00f3n de tutela instaurada por Wilson Garc\u00eda Almeira contra ...<br \/><div class=\"pt-cv-rmwrap\"><a href=\"https:\/\/www.dmsjuridica.com\/buscador_20179478954\/corteconstitucionalcronologico202454587\/t-753-05\/\" class=\"_self pt-cv-readmore btn btn-success\" target=\"_self\">Ver Sentencia Completa...<\/a><\/div><\/div><\/div><\/div>\n<div class=\"col-md-12 col-sm-12 col-xs-12 pt-cv-content-item pt-cv-1-col\" ><div class='pt-cv-ifield'><a href=\"https:\/\/www.dmsjuridica.com\/buscador_20179478954\/corteconstitucionalcronologico202454587\/t-752-05\/\" class=\"_self pt-cv-href-thumbnail pt-cv-thumb-default\" target=\"_self\" ><\/a>\n<div class=\"pt-cv-taxoterm above_title\"><a href='https:\/\/www.dmsjuridica.com\/buscador_20179478954\/corteconstitucionalcronologico202454587\/category\/buscar-en-toda-la-corte\/2005\/tutelas-2005\/' title='Tutelas 2005' class='pt-cv-tax-tutelas-2005'>Tutelas 2005<\/a><\/div>\n<h4 class=\"pt-cv-title\"><a href=\"https:\/\/www.dmsjuridica.com\/buscador_20179478954\/corteconstitucionalcronologico202454587\/t-752-05\/\" class=\"_self\" target=\"_self\" >T-752-05<\/a><\/h4>\n<div class=\"pt-cv-content\">\u00a0 \u00a0 Sentencia T-752\/05 \u00a0 DERECHO A LA ESTABILIDAD LABORAL-Cargos de carrera administrativa\/DERECHO A LA ESTABILIDAD LABORAL-No se reduce por ocupar cargo de carrera administrativa en provisionalidad cuando no se ha hecho concurso \u00a0 DEBIDO PROCESO ADMINISTRATIVO-Vulneraci\u00f3n por no motivaci\u00f3n de acto de retiro del servicio \u00a0 INSUBSISTENCIA EN CARGO EN PROVISIONALIDAD DE LA FISCALIA GENERAL DE LA NACION-Vulnera el m\u00ednimo vital de la actora quien es madre cabeza de familia\u00a0 \u00a0 Referencia: expediente T-1059648. \u00a0 Acci\u00f3n de tutela instaurada por Loira Beatriz Arregoces Pinedo contra el Fiscal\u00eda General de la Naci\u00f3n. \u00a0 Magistrado Ponente: \u00a0 Dr. JAIME ARA\u00daJO RENTER\u00cdA ...<br \/><div class=\"pt-cv-rmwrap\"><a href=\"https:\/\/www.dmsjuridica.com\/buscador_20179478954\/corteconstitucionalcronologico202454587\/t-752-05\/\" class=\"_self pt-cv-readmore btn btn-success\" target=\"_self\">Ver Sentencia Completa...<\/a><\/div><\/div><\/div><\/div>\n<div class=\"col-md-12 col-sm-12 col-xs-12 pt-cv-content-item pt-cv-1-col\" ><div class='pt-cv-ifield'><a href=\"https:\/\/www.dmsjuridica.com\/buscador_20179478954\/corteconstitucionalcronologico202454587\/t-751-05\/\" class=\"_self pt-cv-href-thumbnail pt-cv-thumb-default\" target=\"_self\" ><\/a>\n<div class=\"pt-cv-taxoterm above_title\"><a href='https:\/\/www.dmsjuridica.com\/buscador_20179478954\/corteconstitucionalcronologico202454587\/category\/buscar-en-toda-la-corte\/2005\/tutelas-2005\/' title='Tutelas 2005' class='pt-cv-tax-tutelas-2005'>Tutelas 2005<\/a><\/div>\n<h4 class=\"pt-cv-title\"><a href=\"https:\/\/www.dmsjuridica.com\/buscador_20179478954\/corteconstitucionalcronologico202454587\/t-751-05\/\" class=\"_self\" target=\"_self\" >T-751-05<\/a><\/h4>\n<div class=\"pt-cv-content\">\u00a0 \u00a0 Sentencia T-751\/05 \u00a0 ACCION DE TUTELA CONTRA PROVIDENCIAS JUDICIALES-Procedencia excepcional y subsidiaria por constituir v\u00eda de hecho \u00a0 PROCESO DISCIPLINARIO-Improcedencia para sancionar a los jueces por la interpretaci\u00f3n de la ley que hacen en sus providencias\/AUTONOMIA FUNCIONAL DEL JUEZ EN INTERPRETACION DE NORMAS-No da lugar a proceso disciplinario sancionatorio\u00a0 \u00a0 El exhaustivo recuento anterior indica claramente cu\u00e1les son los l\u00edmites de la funci\u00f3n disciplinaria ejercida respecto de los jueces y magistrados de la Rep\u00fablica, cuando en ejercicio de la funci\u00f3n judicial interpretan las normas jur\u00eddicas, y con base en su propia interpretaci\u00f3n adoptan las decisiones que les competen: ...<br \/><div class=\"pt-cv-rmwrap\"><a href=\"https:\/\/www.dmsjuridica.com\/buscador_20179478954\/corteconstitucionalcronologico202454587\/t-751-05\/\" class=\"_self pt-cv-readmore btn btn-success\" target=\"_self\">Ver Sentencia Completa...<\/a><\/div><\/div><\/div><\/div>\n<div class=\"col-md-12 col-sm-12 col-xs-12 pt-cv-content-item pt-cv-1-col\" ><div class='pt-cv-ifield'><a href=\"https:\/\/www.dmsjuridica.com\/buscador_20179478954\/corteconstitucionalcronologico202454587\/t-750-05\/\" class=\"_self pt-cv-href-thumbnail pt-cv-thumb-default\" target=\"_self\" ><\/a>\n<div class=\"pt-cv-taxoterm above_title\"><a href='https:\/\/www.dmsjuridica.com\/buscador_20179478954\/corteconstitucionalcronologico202454587\/category\/buscar-en-toda-la-corte\/2005\/tutelas-2005\/' title='Tutelas 2005' class='pt-cv-tax-tutelas-2005'>Tutelas 2005<\/a><\/div>\n<h4 class=\"pt-cv-title\"><a href=\"https:\/\/www.dmsjuridica.com\/buscador_20179478954\/corteconstitucionalcronologico202454587\/t-750-05\/\" class=\"_self\" target=\"_self\" >T-750-05<\/a><\/h4>\n<div class=\"pt-cv-content\">\u00a0 \u00a0 Sentencia T-750\/05 \u00a0 AGENCIA OFICIOSA EN TUTELA-Hija en representaci\u00f3n de madre enferma\u00a0 \u00a0 REGIMEN SUBSIDIADO DE SEGURIDAD SOCIAL EN SALUD-En ning\u00fan caso los copagos pueden convertirse en barreras de acceso al servicio \u00a0 SISTEMA GENERAL DE SEGURIDAD SOCIAL EN SALUD-Excepci\u00f3n al cumplimiento de pagos moderadores \u00a0 El Acuerdo 30 de 1996 del Consejo Nacional de Seguridad Social en Salud en su art\u00edculo 7 consagr\u00f3 expresamente la exoneraci\u00f3n del pago de cuotas moderadoras a los servicios del Plan Obligatorio de Salud en el tratamiento de enfermedades catastr\u00f3ficas y de alto costo, como lo fue el c\u00e1ncer que padeci\u00f3 la ...<br \/><div class=\"pt-cv-rmwrap\"><a href=\"https:\/\/www.dmsjuridica.com\/buscador_20179478954\/corteconstitucionalcronologico202454587\/t-750-05\/\" class=\"_self pt-cv-readmore btn btn-success\" target=\"_self\">Ver Sentencia Completa...<\/a><\/div><\/div><\/div><\/div>\n<div class=\"col-md-12 col-sm-12 col-xs-12 pt-cv-content-item pt-cv-1-col\" ><div class='pt-cv-ifield'><a href=\"https:\/\/www.dmsjuridica.com\/buscador_20179478954\/corteconstitucionalcronologico202454587\/t-749-05\/\" class=\"_self pt-cv-href-thumbnail pt-cv-thumb-default\" target=\"_self\" ><\/a>\n<div class=\"pt-cv-taxoterm above_title\"><a href='https:\/\/www.dmsjuridica.com\/buscador_20179478954\/corteconstitucionalcronologico202454587\/category\/buscar-en-toda-la-corte\/2005\/tutelas-2005\/' title='Tutelas 2005' class='pt-cv-tax-tutelas-2005'>Tutelas 2005<\/a><\/div>\n<h4 class=\"pt-cv-title\"><a href=\"https:\/\/www.dmsjuridica.com\/buscador_20179478954\/corteconstitucionalcronologico202454587\/t-749-05\/\" class=\"_self\" target=\"_self\" >T-749-05<\/a><\/h4>\n<div class=\"pt-cv-content\">\u00a0 \u00a0 Sentencia T-749\/05 \u00a0 ACCION DE TUTELA CONTRA PROVIDENCIAS JUDICIALES-Procedencia excepcional por v\u00eda de hecho \u00a0 POLICIA NACIONAL-Competencia para el conocimiento de contravenciones \u00a0 POLICIA NACIONAL-Procedimiento a seguir en el proceso de las contravenciones \u00a0 PROCURADURIA GENERAL DE LA NACION Y DEFENSORIA DEL PUEBLO-Funciones en relaci\u00f3n con el tr\u00e1mite de los procesos penales y contravencionales de polic\u00eda\u00a0 \u00a0 MINISTERIO PUBLICO-Funciones \u00a0 MINISTERIO PUBLICO-Intervenci\u00f3n en los procesos de polic\u00eda cuando lo estime necesario o cuando se ha solicitado por el perjudicado\u00a0 \u00a0 Es funci\u00f3n de los personeros municipales y distritales, como agentes del Ministerio P\u00fablico, intervenir en los procesos penales ...<br \/><div class=\"pt-cv-rmwrap\"><a href=\"https:\/\/www.dmsjuridica.com\/buscador_20179478954\/corteconstitucionalcronologico202454587\/t-749-05\/\" class=\"_self pt-cv-readmore btn btn-success\" target=\"_self\">Ver Sentencia Completa...<\/a><\/div><\/div><\/div><\/div>\n<div class=\"col-md-12 col-sm-12 col-xs-12 pt-cv-content-item pt-cv-1-col\" ><div class='pt-cv-ifield'><a href=\"https:\/\/www.dmsjuridica.com\/buscador_20179478954\/corteconstitucionalcronologico202454587\/t-748-05\/\" class=\"_self pt-cv-href-thumbnail pt-cv-thumb-default\" target=\"_self\" ><\/a>\n<div class=\"pt-cv-taxoterm above_title\"><a href='https:\/\/www.dmsjuridica.com\/buscador_20179478954\/corteconstitucionalcronologico202454587\/category\/buscar-en-toda-la-corte\/2005\/tutelas-2005\/' title='Tutelas 2005' class='pt-cv-tax-tutelas-2005'>Tutelas 2005<\/a><\/div>\n<h4 class=\"pt-cv-title\"><a href=\"https:\/\/www.dmsjuridica.com\/buscador_20179478954\/corteconstitucionalcronologico202454587\/t-748-05\/\" class=\"_self\" target=\"_self\" >T-748-05<\/a><\/h4>\n<div class=\"pt-cv-content\">\u00a0 \u00a0 Sentencia T-748\/05 \u00a0 COMPETENCIA A PREVENCION EN TUTELA-Derecho de acudir ante juez unipersonal o colegiado para interponer tutela contra actuaciones de Salas de Casaci\u00f3n de la Corte Suprema de Justicia \u00a0 ACCION DE TUTELA CONTRA PROVIDENCIAS JUDICIALES-Procedencia excepcional por v\u00eda de hecho \u00a0 DERECHO AL DEBIDO PROCESO-No vulneraci\u00f3n por sentencia de la Corte Suprema de Justicia por tener fundamento legal \u00a0 \u00a0 \u00a0 La sentencia en la que se expres\u00f3 que para los despidos colectivos de trabajadores oficiales se requer\u00eda de la autorizaci\u00f3n del Ministerio de Trabajo es anterior a la expedici\u00f3n de la Ley 489 de 1998 ...<br \/><div class=\"pt-cv-rmwrap\"><a href=\"https:\/\/www.dmsjuridica.com\/buscador_20179478954\/corteconstitucionalcronologico202454587\/t-748-05\/\" class=\"_self pt-cv-readmore btn btn-success\" target=\"_self\">Ver Sentencia Completa...<\/a><\/div><\/div><\/div><\/div>\n<div class=\"col-md-12 col-sm-12 col-xs-12 pt-cv-content-item pt-cv-1-col\" ><div class='pt-cv-ifield'><a href=\"https:\/\/www.dmsjuridica.com\/buscador_20179478954\/corteconstitucionalcronologico202454587\/t-747-05\/\" class=\"_self pt-cv-href-thumbnail pt-cv-thumb-default\" target=\"_self\" ><\/a>\n<div class=\"pt-cv-taxoterm above_title\"><a href='https:\/\/www.dmsjuridica.com\/buscador_20179478954\/corteconstitucionalcronologico202454587\/category\/buscar-en-toda-la-corte\/2005\/tutelas-2005\/' title='Tutelas 2005' class='pt-cv-tax-tutelas-2005'>Tutelas 2005<\/a><\/div>\n<h4 class=\"pt-cv-title\"><a href=\"https:\/\/www.dmsjuridica.com\/buscador_20179478954\/corteconstitucionalcronologico202454587\/t-747-05\/\" class=\"_self\" target=\"_self\" >T-747-05<\/a><\/h4>\n<div class=\"pt-cv-content\">\u00a0 \u00a0 Sentencia T-747\/05 \u00a0 DERECHO A LA SALUD DEL NI\u00d1O-Fundamental aut\u00f3nomo\/DERECHOS FUNDAMENTALES DEL NI\u00d1O-Prevalencia\/SISTEMA DE SEGURIDAD SOCIAL EN SALUD-Participantes \u00a0 En el art\u00edculo 157 de la Ley 100\/93, se crean dos tipos de participantes en el Sistema: (i) en calidad de afiliados que pagan un importe, \u00a0bajo dos modalidades: a) r\u00e9gimen contributivo: cuando la incorporaci\u00f3n al sistema se hace a trav\u00e9s del pago de una cotizaci\u00f3n o un aporte econ\u00f3mico previo, financiado directamente por el afiliado o en concurrencia entre \u00e9ste y su empleador, \u00a0y b) r\u00e9gimen subsidiado, cuando el pago del importe para la incorporaci\u00f3n al sistema, se ...<br \/><div class=\"pt-cv-rmwrap\"><a href=\"https:\/\/www.dmsjuridica.com\/buscador_20179478954\/corteconstitucionalcronologico202454587\/t-747-05\/\" class=\"_self pt-cv-readmore btn btn-success\" target=\"_self\">Ver Sentencia Completa...<\/a><\/div><\/div><\/div><\/div>\n<div class=\"col-md-12 col-sm-12 col-xs-12 pt-cv-content-item pt-cv-1-col\" ><div class='pt-cv-ifield'><a href=\"https:\/\/www.dmsjuridica.com\/buscador_20179478954\/corteconstitucionalcronologico202454587\/t-746-05\/\" class=\"_self pt-cv-href-thumbnail pt-cv-thumb-default\" target=\"_self\" ><\/a>\n<div class=\"pt-cv-taxoterm above_title\"><a href='https:\/\/www.dmsjuridica.com\/buscador_20179478954\/corteconstitucionalcronologico202454587\/category\/buscar-en-toda-la-corte\/2005\/tutelas-2005\/' title='Tutelas 2005' class='pt-cv-tax-tutelas-2005'>Tutelas 2005<\/a><\/div>\n<h4 class=\"pt-cv-title\"><a href=\"https:\/\/www.dmsjuridica.com\/buscador_20179478954\/corteconstitucionalcronologico202454587\/t-746-05\/\" class=\"_self\" target=\"_self\" >T-746-05<\/a><\/h4>\n<div class=\"pt-cv-content\">\u00a0 \u00a0 Sentencia T-746\/05 \u00a0 DEBIDO PROCESO ADMINISTRATIVO-Fundamental \u00a0 DEBIDO PROCESO ADMINISTRATIVO-Desarrollo del principio de legalidad \u00a0 INSTITUTO COLOMBIANO DE BIENESTAR FAMILIAR-Naturaleza jur\u00eddica y objeto\u00a0 \u00a0 El bienestar familiar es un servicio p\u00fablico a cargo del Estado, cuya prestaci\u00f3n se hace a trav\u00e9s del Sistema Nacional de Bienestar Familiar y su \u00f3rgano rector es el Instituto Colombiano de Bienestar Familiar. En Colombia, el ICBF es un organismo del Estado encargado de proteger al menor de edad y garantizarle sus derechos. Para ello cuenta con instrumentos jur\u00eddicos como el C\u00f3digo del Menor, el cual contiene medidas de protecci\u00f3n para los menores ...<br \/><div class=\"pt-cv-rmwrap\"><a href=\"https:\/\/www.dmsjuridica.com\/buscador_20179478954\/corteconstitucionalcronologico202454587\/t-746-05\/\" class=\"_self pt-cv-readmore btn btn-success\" target=\"_self\">Ver Sentencia Completa...<\/a><\/div><\/div><\/div><\/div>\n<div class=\"col-md-12 col-sm-12 col-xs-12 pt-cv-content-item pt-cv-1-col\" ><div class='pt-cv-ifield'><a href=\"https:\/\/www.dmsjuridica.com\/buscador_20179478954\/corteconstitucionalcronologico202454587\/t-744-05\/\" class=\"_self pt-cv-href-thumbnail pt-cv-thumb-default\" target=\"_self\" ><\/a>\n<div class=\"pt-cv-taxoterm above_title\"><a href='https:\/\/www.dmsjuridica.com\/buscador_20179478954\/corteconstitucionalcronologico202454587\/category\/buscar-en-toda-la-corte\/2005\/tutelas-2005\/' title='Tutelas 2005' class='pt-cv-tax-tutelas-2005'>Tutelas 2005<\/a><\/div>\n<h4 class=\"pt-cv-title\"><a href=\"https:\/\/www.dmsjuridica.com\/buscador_20179478954\/corteconstitucionalcronologico202454587\/t-744-05\/\" class=\"_self\" target=\"_self\" >T-744-05<\/a><\/h4>\n<div class=\"pt-cv-content\">\u00a0 \u00a0 Sentencia T-744\/05 \u00a0 ACCION DE TUTELA CONTRA PROVIDENCIAS JUDICIALES-Procedencia excepcional por v\u00eda de hecho\u00a0 \u00a0 PRINCIPIO DE LA DOBLE INSTANCIA EN PROCESO PENAL-N\u00facleo esencial del derecho al debido proceso y elemento de configuraci\u00f3n del derecho a la defensa \u00a0 \u00a0 \u00a0 La existencia de doble instancia en los procesos penales, integra el n\u00facleo esencial del derecho al debido proceso penal y constituye un elemento central en la configuraci\u00f3n constitucional del derecho fundamental a la defensa, en tanto que \u201cbusca la protecci\u00f3n de los derechos de quienes acuden al aparato estatal en busca de justicia\u201d, estableci\u00e9ndose en una oportunidad ...<br \/><div class=\"pt-cv-rmwrap\"><a href=\"https:\/\/www.dmsjuridica.com\/buscador_20179478954\/corteconstitucionalcronologico202454587\/t-744-05\/\" class=\"_self pt-cv-readmore btn btn-success\" target=\"_self\">Ver Sentencia Completa...<\/a><\/div><\/div><\/div><\/div>\n<div class=\"col-md-12 col-sm-12 col-xs-12 pt-cv-content-item pt-cv-1-col\" ><div class='pt-cv-ifield'><a href=\"https:\/\/www.dmsjuridica.com\/buscador_20179478954\/corteconstitucionalcronologico202454587\/t-743-05\/\" class=\"_self pt-cv-href-thumbnail pt-cv-thumb-default\" target=\"_self\" ><\/a>\n<div class=\"pt-cv-taxoterm above_title\"><a href='https:\/\/www.dmsjuridica.com\/buscador_20179478954\/corteconstitucionalcronologico202454587\/category\/buscar-en-toda-la-corte\/2005\/tutelas-2005\/' title='Tutelas 2005' class='pt-cv-tax-tutelas-2005'>Tutelas 2005<\/a><\/div>\n<h4 class=\"pt-cv-title\"><a href=\"https:\/\/www.dmsjuridica.com\/buscador_20179478954\/corteconstitucionalcronologico202454587\/t-743-05\/\" class=\"_self\" target=\"_self\" >T-743-05<\/a><\/h4>\n<div class=\"pt-cv-content\">\u00a0 \u00a0 Sentencia T-743\/05 \u00a0 DERECHOS DEL INTERNO-Limitaci\u00f3n de sus derechos fundamentales debe ser m\u00ednima para lograr el fin propuesto\/DERECHOS FUNDAMENTALES DEL INTERNO-Avances normativos tanto nacionales como internacionales \u00a0 PRINCIPIO DE LEGALIDAD EN ACTUACION DEL ESTADO-Responsabilidad de servidores p\u00fablicos \u00a0 ESTABLECIMIENTO CARCELARIO-Deber de respetar el debido proceso de los internos \u00a0 Referencia: expediente T-1102718 \u00a0 Acci\u00f3n de tutela instaurada por el se\u00f1or Hugo Fernando Rozo Zapata contra la Penitenciaria Nacional \u201cDo\u00f1a Juana\u201d de La Dorada \u2013 Caldas. \u00a0 Procedencia: Tribunal Superior del Distrito Judicial de Manizales - Caldas. \u00a0 Magistrado Ponente. \u00a0 Dr. ALFREDO BELTR\u00c1N SIERRA \u00a0 Bogot\u00e1, D. C., ...<br \/><div class=\"pt-cv-rmwrap\"><a href=\"https:\/\/www.dmsjuridica.com\/buscador_20179478954\/corteconstitucionalcronologico202454587\/t-743-05\/\" class=\"_self pt-cv-readmore btn btn-success\" target=\"_self\">Ver Sentencia Completa...<\/a><\/div><\/div><\/div><\/div>\n<div class=\"col-md-12 col-sm-12 col-xs-12 pt-cv-content-item pt-cv-1-col\" ><div class='pt-cv-ifield'><a href=\"https:\/\/www.dmsjuridica.com\/buscador_20179478954\/corteconstitucionalcronologico202454587\/t-742-05\/\" class=\"_self pt-cv-href-thumbnail pt-cv-thumb-default\" target=\"_self\" ><\/a>\n<div class=\"pt-cv-taxoterm above_title\"><a href='https:\/\/www.dmsjuridica.com\/buscador_20179478954\/corteconstitucionalcronologico202454587\/category\/buscar-en-toda-la-corte\/2005\/tutelas-2005\/' title='Tutelas 2005' class='pt-cv-tax-tutelas-2005'>Tutelas 2005<\/a><\/div>\n<h4 class=\"pt-cv-title\"><a href=\"https:\/\/www.dmsjuridica.com\/buscador_20179478954\/corteconstitucionalcronologico202454587\/t-742-05\/\" class=\"_self\" target=\"_self\" >T-742-05<\/a><\/h4>\n<div class=\"pt-cv-content\">\u00a0 \u00a0 Sentencia T-742\/05 \u00a0 DERECHO A LA SALUD Y A LA VIDA-Pr\u00e1ctica de examen de diagn\u00f3stico por EPS \u00a0 DERECHO A LA SALUD-Procedimiento para cambiar a un paciente los ex\u00e1menes, medicamentos o tratamientos ordenados originalmente por el m\u00e9dico tratante\/ENTIDAD PRESTADORA DE SALUD-Vulneraci\u00f3n al derecho a la salud por no seguir la regla jurisprudencial para el cambio de ex\u00e1menes, medicamento o tratamientos del paciente \u00a0 DERECHO A LA SALUD-Obligaci\u00f3n del Estado de incorporar en el POS ex\u00e1menes o tratamientos que corresponden a adelantos tecnol\u00f3gicos o cient\u00edficos \u00a0 El Estado es el responsable de organizar, dirigir, vigilar, controlar y reglamentar la ...<br \/><div class=\"pt-cv-rmwrap\"><a href=\"https:\/\/www.dmsjuridica.com\/buscador_20179478954\/corteconstitucionalcronologico202454587\/t-742-05\/\" class=\"_self pt-cv-readmore btn btn-success\" target=\"_self\">Ver Sentencia Completa...<\/a><\/div><\/div><\/div><\/div>\n<div class=\"col-md-12 col-sm-12 col-xs-12 pt-cv-content-item pt-cv-1-col\" ><div class='pt-cv-ifield'><a href=\"https:\/\/www.dmsjuridica.com\/buscador_20179478954\/corteconstitucionalcronologico202454587\/t-741-05\/\" class=\"_self pt-cv-href-thumbnail pt-cv-thumb-default\" target=\"_self\" ><\/a>\n<div class=\"pt-cv-taxoterm above_title\"><a href='https:\/\/www.dmsjuridica.com\/buscador_20179478954\/corteconstitucionalcronologico202454587\/category\/buscar-en-toda-la-corte\/2005\/tutelas-2005\/' title='Tutelas 2005' class='pt-cv-tax-tutelas-2005'>Tutelas 2005<\/a><\/div>\n<h4 class=\"pt-cv-title\"><a href=\"https:\/\/www.dmsjuridica.com\/buscador_20179478954\/corteconstitucionalcronologico202454587\/t-741-05\/\" class=\"_self\" target=\"_self\" >T-741-05<\/a><\/h4>\n<div class=\"pt-cv-content\">\u00a0 \u00a0 Sentencia T-741\/05 \u00a0 ACCION DE TUTELA CONTRA PROVIDENCIAS JUDICIALES-Procedencia excepcional y subsidiaria por constituir v\u00eda de hecho \u00a0 ACCION DE TUTELA CONTRA PROVIDENCIAS JUDICIALES-Causales gen\u00e9ricas de procedibilidad \u00a0 ACCION DE TUTELA CONTRA PROVIDENCIAS JUDICIALES-V\u00eda de hecho por defecto sustantivo\u00a0 \u00a0 PROCESO EJECUTIVO-Interrupci\u00f3n de la prescripci\u00f3n de la acci\u00f3n cambiaria no puede solo limitarse a la notificaci\u00f3n del demandado dentro de los 120 d\u00edas \u00a0 La decisi\u00f3n del juez que considere simple y llanamente que opera la interrupci\u00f3n de la prescripci\u00f3n, por no notificarse al demandado dentro del lapso contenido en el art\u00edculo 90 del C.P.C, sin consideraci\u00f3n a ...<br \/><div class=\"pt-cv-rmwrap\"><a href=\"https:\/\/www.dmsjuridica.com\/buscador_20179478954\/corteconstitucionalcronologico202454587\/t-741-05\/\" class=\"_self pt-cv-readmore btn btn-success\" target=\"_self\">Ver Sentencia Completa...<\/a><\/div><\/div><\/div><\/div>\n<div class=\"col-md-12 col-sm-12 col-xs-12 pt-cv-content-item pt-cv-1-col\" ><div class='pt-cv-ifield'><a href=\"https:\/\/www.dmsjuridica.com\/buscador_20179478954\/corteconstitucionalcronologico202454587\/t-740-05\/\" class=\"_self pt-cv-href-thumbnail pt-cv-thumb-default\" target=\"_self\" ><\/a>\n<div class=\"pt-cv-taxoterm above_title\"><a href='https:\/\/www.dmsjuridica.com\/buscador_20179478954\/corteconstitucionalcronologico202454587\/category\/buscar-en-toda-la-corte\/2005\/tutelas-2005\/' title='Tutelas 2005' class='pt-cv-tax-tutelas-2005'>Tutelas 2005<\/a><\/div>\n<h4 class=\"pt-cv-title\"><a href=\"https:\/\/www.dmsjuridica.com\/buscador_20179478954\/corteconstitucionalcronologico202454587\/t-740-05\/\" class=\"_self\" target=\"_self\" >T-740-05<\/a><\/h4>\n<div class=\"pt-cv-content\">\u00a0 \u00a0 Sentencia T-740\/05 \u00a0 DERECHOS FUNDAMENTALES DEL NI\u00d1O-Prevalencia\/DERECHO A LA SALUD DEL MENOR-Fundamental aut\u00f3nomo\u00a0 \u00a0 DERECHO A LA SALUD DEL MENOR-Suministro de medicamento excluido del POS \u00a0 DERECHO A LA SALUD DEL MENOR-Suministro de hormonas de crecimiento \u00a0 INAPLICACION DE NORMAS DEL PLAN OBLIGATORIO DE SALUD-Hip\u00f3tesis f\u00e1ctica que la determina \u00a0 Referencia: expediente T-1086195 \u00a0 Acci\u00f3n de tutela instaurada por Sonia Osorio Vidal contra EPS Servicio Occidental de Salud SOS. \u00a0 Magistrado Ponente: \u00a0 Dr. ALVARO TAFUR GALVIS \u00a0 Bogot\u00e1 D. C., catorce (14) de julio de dos mil cinco (2005). \u00a0 La Sala Octava de Revisi\u00f3n de la ...<br \/><div class=\"pt-cv-rmwrap\"><a href=\"https:\/\/www.dmsjuridica.com\/buscador_20179478954\/corteconstitucionalcronologico202454587\/t-740-05\/\" class=\"_self pt-cv-readmore btn btn-success\" target=\"_self\">Ver Sentencia Completa...<\/a><\/div><\/div><\/div><\/div>\n<div class=\"col-md-12 col-sm-12 col-xs-12 pt-cv-content-item pt-cv-1-col\" ><div class='pt-cv-ifield'><a href=\"https:\/\/www.dmsjuridica.com\/buscador_20179478954\/corteconstitucionalcronologico202454587\/t-739-05\/\" class=\"_self pt-cv-href-thumbnail pt-cv-thumb-default\" target=\"_self\" ><\/a>\n<div class=\"pt-cv-taxoterm above_title\"><a href='https:\/\/www.dmsjuridica.com\/buscador_20179478954\/corteconstitucionalcronologico202454587\/category\/buscar-en-toda-la-corte\/2005\/tutelas-2005\/' title='Tutelas 2005' class='pt-cv-tax-tutelas-2005'>Tutelas 2005<\/a><\/div>\n<h4 class=\"pt-cv-title\"><a href=\"https:\/\/www.dmsjuridica.com\/buscador_20179478954\/corteconstitucionalcronologico202454587\/t-739-05\/\" class=\"_self\" target=\"_self\" >T-739-05<\/a><\/h4>\n<div class=\"pt-cv-content\">\u00a0 \u00a0 Sentencia T-739\/05 \u00a0 DERECHO A LA DIGNIDAD HUMANA-Empleado portador VIH despedido \u00a0 DERECHO A LA DIGNIDAD HUMANA-No vulneraci\u00f3n dado que el despido del empleado portador de VIH no fue con ocasi\u00f3n de su enfermedad.\u00a0 \u00a0 Referencia: expediente T-1087502 \u00a0 Acci\u00f3n de tutela instaurada por JORGE ISRAEL SIERRA contra la ORGANIZACI\u00d3N DE SERVICIOS INTEGRADOS E.U. -EBEL INTERNACIONAL- \u00a0 Magistrado Ponente: \u00a0 Dr. ALVARO TAFUR GALVIS \u00a0 Bogot\u00e1, D. C., catorce (14) de julio de dos mil cinco (2005). \u00a0 La Sala Octava de Revisi\u00f3n de la Corte Constitucional, integrada por los magistrados Clara In\u00e9s Vargas Hern\u00e1ndez, Jaime Araujo Renter\u00eda ...<br \/><div class=\"pt-cv-rmwrap\"><a href=\"https:\/\/www.dmsjuridica.com\/buscador_20179478954\/corteconstitucionalcronologico202454587\/t-739-05\/\" class=\"_self pt-cv-readmore btn btn-success\" target=\"_self\">Ver Sentencia Completa...<\/a><\/div><\/div><\/div><\/div>\n<div class=\"col-md-12 col-sm-12 col-xs-12 pt-cv-content-item pt-cv-1-col\" ><div class='pt-cv-ifield'><a href=\"https:\/\/www.dmsjuridica.com\/buscador_20179478954\/corteconstitucionalcronologico202454587\/t-738-05\/\" class=\"_self pt-cv-href-thumbnail pt-cv-thumb-default\" target=\"_self\" ><\/a>\n<div class=\"pt-cv-taxoterm above_title\"><a href='https:\/\/www.dmsjuridica.com\/buscador_20179478954\/corteconstitucionalcronologico202454587\/category\/buscar-en-toda-la-corte\/2005\/tutelas-2005\/' title='Tutelas 2005' class='pt-cv-tax-tutelas-2005'>Tutelas 2005<\/a><\/div>\n<h4 class=\"pt-cv-title\"><a href=\"https:\/\/www.dmsjuridica.com\/buscador_20179478954\/corteconstitucionalcronologico202454587\/t-738-05\/\" class=\"_self\" target=\"_self\" >T-738-05<\/a><\/h4>\n<div class=\"pt-cv-content\">\u00a0 \u00a0 Sentencia T-738\/05 \u00a0 DERECHO A LA IGUALDAD Y PENSION DE INVALIDEZ-Diferencia de reg\u00edmenes \u00a0 PENSION DE INVALIDEZ-Diferencias entre el r\u00e9gimen com\u00fan y el r\u00e9gimen especial de la Fuerza P\u00fablica no vulnera el derecho a la igualdad \u00a0 PENSION DE INVALIDEZ-Negada con base en la legislaci\u00f3n existente respecto al r\u00e9gimen especial \u00a0 DERECHO A LA PENSION DE INVALIDEZ-Fundamental por conexidad\/ACCION DE TUTELA-Procedencia excepcional para reconocimiento y pago de pensi\u00f3n de invalidez \u00a0 Asiste raz\u00f3n a los jueces de instancia cuando sostienen que otra es la v\u00eda procedente para definir la controversia que surge a partir de la negativa al ...<br \/><div class=\"pt-cv-rmwrap\"><a href=\"https:\/\/www.dmsjuridica.com\/buscador_20179478954\/corteconstitucionalcronologico202454587\/t-738-05\/\" class=\"_self pt-cv-readmore btn btn-success\" target=\"_self\">Ver Sentencia Completa...<\/a><\/div><\/div><\/div><\/div>\n<div class=\"col-md-12 col-sm-12 col-xs-12 pt-cv-content-item pt-cv-1-col\" ><div class='pt-cv-ifield'><a href=\"https:\/\/www.dmsjuridica.com\/buscador_20179478954\/corteconstitucionalcronologico202454587\/t-737-05\/\" class=\"_self pt-cv-href-thumbnail pt-cv-thumb-default\" target=\"_self\" ><\/a>\n<div class=\"pt-cv-taxoterm above_title\"><a href='https:\/\/www.dmsjuridica.com\/buscador_20179478954\/corteconstitucionalcronologico202454587\/category\/buscar-en-toda-la-corte\/2005\/tutelas-2005\/' title='Tutelas 2005' class='pt-cv-tax-tutelas-2005'>Tutelas 2005<\/a><\/div>\n<h4 class=\"pt-cv-title\"><a href=\"https:\/\/www.dmsjuridica.com\/buscador_20179478954\/corteconstitucionalcronologico202454587\/t-737-05\/\" class=\"_self\" target=\"_self\" >T-737-05<\/a><\/h4>\n<div class=\"pt-cv-content\">\u00a0 \u00a0 Sentencia T-737\/05 \u00a0 COMUNIDAD INDIGENA-Protecci\u00f3n constitucional especial del Estado \u00a0 CONSULTA DE COMUNIDAD INDIGENA-Proceso consultivo no puede responder a un modelo \u00fanico indistintamente aplicable \u00a0 CONSULTA DE COMUNIDAD INDIGENA-Deber de consultar previamente \u00a0 DERECHO DE PETICION-Caracter\u00edsticas\/DERECHO DE PETICION FRENTE A PARTICULARES-Procedencia\/DERECHO DE PETICION-Falta de competencia de la entidad ante quien se solicita la informaci\u00f3n o la exonera de contestar \u00a0 CONSULTA DE COMUNIDAD INDIGENA-Violaci\u00f3n al debido proceso por la autoridad municipal \u00a0 La autoridad municipal accionada, desconoci\u00f3 en efecto el principio constitucional seg\u00fan el cual el Estado reconoce y protege la diversidad \u00e9tnica y cultural de la naci\u00f3n ...<br \/><div class=\"pt-cv-rmwrap\"><a href=\"https:\/\/www.dmsjuridica.com\/buscador_20179478954\/corteconstitucionalcronologico202454587\/t-737-05\/\" class=\"_self pt-cv-readmore btn btn-success\" target=\"_self\">Ver Sentencia Completa...<\/a><\/div><\/div><\/div><\/div>\n<div class=\"col-md-12 col-sm-12 col-xs-12 pt-cv-content-item pt-cv-1-col\" ><div class='pt-cv-ifield'><a href=\"https:\/\/www.dmsjuridica.com\/buscador_20179478954\/corteconstitucionalcronologico202454587\/t-736-05\/\" class=\"_self pt-cv-href-thumbnail pt-cv-thumb-default\" target=\"_self\" ><\/a>\n<div class=\"pt-cv-taxoterm above_title\"><a href='https:\/\/www.dmsjuridica.com\/buscador_20179478954\/corteconstitucionalcronologico202454587\/category\/buscar-en-toda-la-corte\/2005\/tutelas-2005\/' title='Tutelas 2005' class='pt-cv-tax-tutelas-2005'>Tutelas 2005<\/a><\/div>\n<h4 class=\"pt-cv-title\"><a href=\"https:\/\/www.dmsjuridica.com\/buscador_20179478954\/corteconstitucionalcronologico202454587\/t-736-05\/\" class=\"_self\" target=\"_self\" >T-736-05<\/a><\/h4>\n<div class=\"pt-cv-content\">\u00a0 \u00a0 Sentencia T-736\/05 \u00a0 DERECHO A LA SALUD DEL NI\u00d1O-Fundamental aut\u00f3nomo\u00a0 \u00a0 DERECHO A LA SALUD DEL NI\u00d1O EN EL REGIMEN SUBSIDIADO-Supuestos f\u00e1cticos para su protecci\u00f3n inmediata\u00a0 \u00a0 En el caso que se estudia, se cumplen los supuestos f\u00e1cticos fijados por la jurisprudencia en circunstancias como las que exhibe el presente caso: (i) una entidad prestadora de salud se niega a suministrar un medicamentos ordenado por el m\u00e9dico tratante, (ii) a un menor vinculado al r\u00e9gimen subsidiado de salud, (iii) por ser necesario, debido a los s\u00edntomas de la epilepsia que padece, seg\u00fan criterio del m\u00e9dico tratante. \u00a0 INAPLICACION ...<br \/><div class=\"pt-cv-rmwrap\"><a href=\"https:\/\/www.dmsjuridica.com\/buscador_20179478954\/corteconstitucionalcronologico202454587\/t-736-05\/\" class=\"_self pt-cv-readmore btn btn-success\" target=\"_self\">Ver Sentencia Completa...<\/a><\/div><\/div><\/div><\/div>\n<div class=\"col-md-12 col-sm-12 col-xs-12 pt-cv-content-item pt-cv-1-col\" ><div class='pt-cv-ifield'><a href=\"https:\/\/www.dmsjuridica.com\/buscador_20179478954\/corteconstitucionalcronologico202454587\/t-735-05\/\" class=\"_self pt-cv-href-thumbnail pt-cv-thumb-default\" target=\"_self\" ><\/a>\n<div class=\"pt-cv-taxoterm above_title\"><a href='https:\/\/www.dmsjuridica.com\/buscador_20179478954\/corteconstitucionalcronologico202454587\/category\/buscar-en-toda-la-corte\/2005\/tutelas-2005\/' title='Tutelas 2005' class='pt-cv-tax-tutelas-2005'>Tutelas 2005<\/a><\/div>\n<h4 class=\"pt-cv-title\"><a href=\"https:\/\/www.dmsjuridica.com\/buscador_20179478954\/corteconstitucionalcronologico202454587\/t-735-05\/\" class=\"_self\" target=\"_self\" >T-735-05<\/a><\/h4>\n<div class=\"pt-cv-content\">\u00a0 \u00a0 Sentencia T-735\/05 \u00a0 DERECHO A LA SALUD-Fundamental \u00a0 INAPLICACION DE NORMAS DEL PLAN OBLIGATORIO DE SALUD-Requisitos que deben cumplir pacientes con enfermedades catastr\u00f3ficas \u00a0 La jurisprudencia ha se\u00f1alado que el juez de tutela tiene dos alternativas para la protecci\u00f3n efectiva de los derechos fundamentales del accionante. Una primera alternativa consiste en ordenar a la A.R.S. gestionar ella misma la prestaci\u00f3n del tratamiento, procedimiento o el suministro de los medicamentos requeridos por el paciente, siempre y cuando se encuentre en la capacidad de realizarlo, evento en el cual se autoriza a la entidad para que repita contra el Fondo ...<br \/><div class=\"pt-cv-rmwrap\"><a href=\"https:\/\/www.dmsjuridica.com\/buscador_20179478954\/corteconstitucionalcronologico202454587\/t-735-05\/\" class=\"_self pt-cv-readmore btn btn-success\" target=\"_self\">Ver Sentencia Completa...<\/a><\/div><\/div><\/div><\/div>\n<div class=\"col-md-12 col-sm-12 col-xs-12 pt-cv-content-item pt-cv-1-col\" ><div class='pt-cv-ifield'><a href=\"https:\/\/www.dmsjuridica.com\/buscador_20179478954\/corteconstitucionalcronologico202454587\/t-728-05\/\" class=\"_self pt-cv-href-thumbnail pt-cv-thumb-default\" target=\"_self\" ><\/a>\n<div class=\"pt-cv-taxoterm above_title\"><a href='https:\/\/www.dmsjuridica.com\/buscador_20179478954\/corteconstitucionalcronologico202454587\/category\/buscar-en-toda-la-corte\/2005\/tutelas-2005\/' title='Tutelas 2005' class='pt-cv-tax-tutelas-2005'>Tutelas 2005<\/a><\/div>\n<h4 class=\"pt-cv-title\"><a href=\"https:\/\/www.dmsjuridica.com\/buscador_20179478954\/corteconstitucionalcronologico202454587\/t-728-05\/\" class=\"_self\" target=\"_self\" >T-728-05<\/a><\/h4>\n<div class=\"pt-cv-content\">\u00a0 \u00a0 Sentencia T-728\/05 \u00a0 DERECHO A LA SALUD-Fundamental \u00a0 INAPLICACION DE NORMAS DEL PLAN OBLIGATORIO DE SALUD-Requisitos que deben cumplir pacientes con enfermedades catastr\u00f3ficas \u00a0 Reiteraci\u00f3n de jurisprudencia \u00a0 Referencia: expediente T-1128981\u00a0 \u00a0 Acci\u00f3n de tutela instaurada por Nelson Figueroa Fandi\u00f1o contra el Instituto de Seguros Sociales EPS, Seccional Cesar.\u00a0 \u00a0 Magistrado Ponente \u00a0 Dr. MANUEL JOS\u00c9 CEPEDA ESPINOSA \u00a0 Bogot\u00e1, D.C., ocho (8) de julio de dos mil cinco (2005). \u00a0 Teniendo en cuenta que el problema jur\u00eddico que suscita la presente acci\u00f3n de tutela ya ha sido objeto de otros pronunciamientos por parte de esta Corporaci\u00f3n, la ...<br \/><div class=\"pt-cv-rmwrap\"><a href=\"https:\/\/www.dmsjuridica.com\/buscador_20179478954\/corteconstitucionalcronologico202454587\/t-728-05\/\" class=\"_self pt-cv-readmore btn btn-success\" target=\"_self\">Ver Sentencia Completa...<\/a><\/div><\/div><\/div><\/div>\n<div class=\"col-md-12 col-sm-12 col-xs-12 pt-cv-content-item pt-cv-1-col\" ><div class='pt-cv-ifield'><a href=\"https:\/\/www.dmsjuridica.com\/buscador_20179478954\/corteconstitucionalcronologico202454587\/t-727-05\/\" class=\"_self pt-cv-href-thumbnail pt-cv-thumb-default\" target=\"_self\" ><\/a>\n<div class=\"pt-cv-taxoterm above_title\"><a href='https:\/\/www.dmsjuridica.com\/buscador_20179478954\/corteconstitucionalcronologico202454587\/category\/buscar-en-toda-la-corte\/2005\/tutelas-2005\/' title='Tutelas 2005' class='pt-cv-tax-tutelas-2005'>Tutelas 2005<\/a><\/div>\n<h4 class=\"pt-cv-title\"><a href=\"https:\/\/www.dmsjuridica.com\/buscador_20179478954\/corteconstitucionalcronologico202454587\/t-727-05\/\" class=\"_self\" target=\"_self\" >T-727-05<\/a><\/h4>\n<div class=\"pt-cv-content\">\u00a0 \u00a0 Sentencia T-727\/05 \u00a0 MUJER TRABAJADORA EMBARAZADA-Par\u00e1metros de la protecci\u00f3n constitucional especial \u00a0 El amparo transitorio del derecho a la estabilidad en el empleo est\u00e1 sometido a la comprobaci\u00f3n f\u00e1ctica de los siguientes elementos: 1) que el despido se ocasione en la \u00e9poca del embarazo o dentro de los tres (3) meses siguientes al parto; 2) que a la fecha del despido el empleador conoc\u00eda o deb\u00eda conocer la existencia del estado de gravidez, ya sea porque el embarazo es un hecho notorio o porque fue comunicado al empleador; 3) que el despido sea una consecuencia del embarazo, por ...<br \/><div class=\"pt-cv-rmwrap\"><a href=\"https:\/\/www.dmsjuridica.com\/buscador_20179478954\/corteconstitucionalcronologico202454587\/t-727-05\/\" class=\"_self pt-cv-readmore btn btn-success\" target=\"_self\">Ver Sentencia Completa...<\/a><\/div><\/div><\/div><\/div>\n<div class=\"col-md-12 col-sm-12 col-xs-12 pt-cv-content-item pt-cv-1-col\" ><div class='pt-cv-ifield'><a href=\"https:\/\/www.dmsjuridica.com\/buscador_20179478954\/corteconstitucionalcronologico202454587\/t-726-05\/\" class=\"_self pt-cv-href-thumbnail pt-cv-thumb-default\" target=\"_self\" ><\/a>\n<div class=\"pt-cv-taxoterm above_title\"><a href='https:\/\/www.dmsjuridica.com\/buscador_20179478954\/corteconstitucionalcronologico202454587\/category\/buscar-en-toda-la-corte\/2005\/tutelas-2005\/' title='Tutelas 2005' class='pt-cv-tax-tutelas-2005'>Tutelas 2005<\/a><\/div>\n<h4 class=\"pt-cv-title\"><a href=\"https:\/\/www.dmsjuridica.com\/buscador_20179478954\/corteconstitucionalcronologico202454587\/t-726-05\/\" class=\"_self\" target=\"_self\" >T-726-05<\/a><\/h4>\n<div class=\"pt-cv-content\">\u00a0 \u00a0 Sentencia T-726\/05 \u00a0 ACCIONES AFIRMATIVAS-Protecci\u00f3n especial a personas disminuidas f\u00edsica o ps\u00edquicamente\/ACCIONES AFIRMATIVAS-Estabilidad laboral reforzada para personas disminuidas f\u00edsica y ps\u00edquicamente \u00a0 MADRE CABEZA DE FAMILIA Y PERSONAS DISCAPACITADAS-Limitaci\u00f3n a la protecci\u00f3n reforzada fijada en la ley 813\/03 declarada inconstitucional por la sentencia C-991\/04\/MADRE CABEZA DE FAMILIA Y PERSONAS DISCAPACITADAS-Vulneraci\u00f3n por establecerle l\u00edmite temporal\/MADRE CABEZA DE FAMILIA Y PERSONAS DISCAPACITADAS-Protecci\u00f3n constitucional\u00a0 \u00a0 ESTABILIDAD LABORAL REFORZADA-Vigente hasta la terminaci\u00f3n definitiva de la existencia de TELECOM \u00a0 De acuerdo a los criterios establecidos la aplicaci\u00f3n del l\u00edmite temporal contemplado en el art\u00edculo 16 del Decreto 190 de 2003 vulnera los ...<br \/><div class=\"pt-cv-rmwrap\"><a href=\"https:\/\/www.dmsjuridica.com\/buscador_20179478954\/corteconstitucionalcronologico202454587\/t-726-05\/\" class=\"_self pt-cv-readmore btn btn-success\" target=\"_self\">Ver Sentencia Completa...<\/a><\/div><\/div><\/div><\/div>\n<div class=\"col-md-12 col-sm-12 col-xs-12 pt-cv-content-item pt-cv-1-col\" ><div class='pt-cv-ifield'><a href=\"https:\/\/www.dmsjuridica.com\/buscador_20179478954\/corteconstitucionalcronologico202454587\/t-725-05\/\" class=\"_self pt-cv-href-thumbnail pt-cv-thumb-default\" target=\"_self\" ><\/a>\n<div class=\"pt-cv-taxoterm above_title\"><a href='https:\/\/www.dmsjuridica.com\/buscador_20179478954\/corteconstitucionalcronologico202454587\/category\/buscar-en-toda-la-corte\/2005\/tutelas-2005\/' title='Tutelas 2005' class='pt-cv-tax-tutelas-2005'>Tutelas 2005<\/a><\/div>\n<h4 class=\"pt-cv-title\"><a href=\"https:\/\/www.dmsjuridica.com\/buscador_20179478954\/corteconstitucionalcronologico202454587\/t-725-05\/\" class=\"_self\" target=\"_self\" >T-725-05<\/a><\/h4>\n<div class=\"pt-cv-content\">\u00a0 \u00a0 Sentencia T-725\/05 \u00a0 ACCION DE TUTELA CONTRA UNIVERSIDAD-Procedencia excepcional respecto del nombramiento y desvinculaci\u00f3n de docentes\/ACCION DE TUTELA CONTRA UNIVERSIDAD-Improcedencia por no probar perjuicio irremediable \u00a0 AUTONOMIA UNIVERSITARIA-Estatutos y r\u00e9gimen de alumnos y docentes \u00a0 DERECHO A LA IGUALDAD-Decisi\u00f3n de la universidad de no vincular al docente tiempo completo no fue discriminatoria \u00a0 Referencia: expediente T-1096245 \u00a0 Acci\u00f3n de tutela interpuesta por Antonio M\u00e1rquez Bulla contra Consejo de Facultad de Bellas Artes- Universidad Nacional de Colombia. \u00a0 Magistrado Ponente: \u00a0 Dr. JAIME C\u00d3RDOBA TRIVI\u00d1O \u00a0 Bogot\u00e1, D.C., \u00a0ocho (8) de julio de dos mil cinco (2005). \u00a0 SENTENCIA ...<br \/><div class=\"pt-cv-rmwrap\"><a href=\"https:\/\/www.dmsjuridica.com\/buscador_20179478954\/corteconstitucionalcronologico202454587\/t-725-05\/\" class=\"_self pt-cv-readmore btn btn-success\" target=\"_self\">Ver Sentencia Completa...<\/a><\/div><\/div><\/div><\/div>\n<div class=\"col-md-12 col-sm-12 col-xs-12 pt-cv-content-item pt-cv-1-col\" ><div class='pt-cv-ifield'><a href=\"https:\/\/www.dmsjuridica.com\/buscador_20179478954\/corteconstitucionalcronologico202454587\/t-724-05\/\" class=\"_self pt-cv-href-thumbnail pt-cv-thumb-default\" target=\"_self\" ><\/a>\n<div class=\"pt-cv-taxoterm above_title\"><a href='https:\/\/www.dmsjuridica.com\/buscador_20179478954\/corteconstitucionalcronologico202454587\/category\/buscar-en-toda-la-corte\/2005\/tutelas-2005\/' title='Tutelas 2005' class='pt-cv-tax-tutelas-2005'>Tutelas 2005<\/a><\/div>\n<h4 class=\"pt-cv-title\"><a href=\"https:\/\/www.dmsjuridica.com\/buscador_20179478954\/corteconstitucionalcronologico202454587\/t-724-05\/\" class=\"_self\" target=\"_self\" >T-724-05<\/a><\/h4>\n<div class=\"pt-cv-content\">\u00a0 \u00a0 Sentencia T-724\/05 \u00a0 MEDICINA PREPAGADA-Actividad econ\u00f3mica y servicio p\u00fablico a cargo de particulares \u00a0 MEDICINA PREPAGADA-Intervenci\u00f3n, control y vigilancia estatal, a trav\u00e9s de la Superintendencia Nacional de Salud. \u00a0 La atenci\u00f3n en salud y el saneamiento ambiental, seg\u00fan lo dispuesto por el art\u00edculo 49 de la Constituci\u00f3n, son servicios p\u00fablicos a cargo del Estado. \u00a0En el caso espec\u00edfico de la salud, la misma norma prev\u00e9 como obligaciones estatales las tareas de organizaci\u00f3n, direcci\u00f3n y reglamentaci\u00f3n de la prestaci\u00f3n del servicio, al igual que el establecimiento de pol\u00edticas para el suministro de la atenci\u00f3n de salud y la vigilancia ...<br \/><div class=\"pt-cv-rmwrap\"><a href=\"https:\/\/www.dmsjuridica.com\/buscador_20179478954\/corteconstitucionalcronologico202454587\/t-724-05\/\" class=\"_self pt-cv-readmore btn btn-success\" target=\"_self\">Ver Sentencia Completa...<\/a><\/div><\/div><\/div><\/div>\n<div class=\"col-md-12 col-sm-12 col-xs-12 pt-cv-content-item pt-cv-1-col\" ><div class='pt-cv-ifield'><a href=\"https:\/\/www.dmsjuridica.com\/buscador_20179478954\/corteconstitucionalcronologico202454587\/t-723-05\/\" class=\"_self pt-cv-href-thumbnail pt-cv-thumb-default\" target=\"_self\" ><\/a>\n<div class=\"pt-cv-taxoterm above_title\"><a href='https:\/\/www.dmsjuridica.com\/buscador_20179478954\/corteconstitucionalcronologico202454587\/category\/buscar-en-toda-la-corte\/2005\/tutelas-2005\/' title='Tutelas 2005' class='pt-cv-tax-tutelas-2005'>Tutelas 2005<\/a><\/div>\n<h4 class=\"pt-cv-title\"><a href=\"https:\/\/www.dmsjuridica.com\/buscador_20179478954\/corteconstitucionalcronologico202454587\/t-723-05\/\" class=\"_self\" target=\"_self\" >T-723-05<\/a><\/h4>\n<div class=\"pt-cv-content\">\u00a0 \u00a0 Sentencia T-723\/05 \u00a0 ACCION DE TUTELA DE PERSONA JURIDICA-Titular de derechos fundamentales \u00a0 ACCION DE TUTELA CONTRA EMPRESA DE SERVICIOS PUBLICOS-Procedencia una vez que se han surtido los tr\u00e1mites administrativos regulares \u00a0 PRINCIPIO DE SOLIDARIDAD EN CONTRATO DE PRESTACION DE SERVICIOS PUBLICOS-S\u00f3lo cobija pago de tres periodos facturados y no pagados por arrendatario\u00a0 \u00a0 Cuando no se cancela oportunamente la prestaci\u00f3n del servicio p\u00fablico domiciliario, las empresas prestadoras tienen la obligaci\u00f3n de suspenderlo m\u00e1ximo al vencimiento del tercer periodo de facturaci\u00f3n. Esta Corporaci\u00f3n ha se\u00f1alado que esa exigencia no s\u00f3lo constituye una garant\u00eda para la empresa, quien ejerce ...<br \/><div class=\"pt-cv-rmwrap\"><a href=\"https:\/\/www.dmsjuridica.com\/buscador_20179478954\/corteconstitucionalcronologico202454587\/t-723-05\/\" class=\"_self pt-cv-readmore btn btn-success\" target=\"_self\">Ver Sentencia Completa...<\/a><\/div><\/div><\/div><\/div>\n<div class=\"col-md-12 col-sm-12 col-xs-12 pt-cv-content-item pt-cv-1-col\" ><div class='pt-cv-ifield'><a href=\"https:\/\/www.dmsjuridica.com\/buscador_20179478954\/corteconstitucionalcronologico202454587\/t-722-05\/\" class=\"_self pt-cv-href-thumbnail pt-cv-thumb-default\" target=\"_self\" ><\/a>\n<div class=\"pt-cv-taxoterm above_title\"><a href='https:\/\/www.dmsjuridica.com\/buscador_20179478954\/corteconstitucionalcronologico202454587\/category\/buscar-en-toda-la-corte\/2005\/tutelas-2005\/' title='Tutelas 2005' class='pt-cv-tax-tutelas-2005'>Tutelas 2005<\/a><\/div>\n<h4 class=\"pt-cv-title\"><a href=\"https:\/\/www.dmsjuridica.com\/buscador_20179478954\/corteconstitucionalcronologico202454587\/t-722-05\/\" class=\"_self\" target=\"_self\" >T-722-05<\/a><\/h4>\n<div class=\"pt-cv-content\">\u00a0 \u00a0 Sentencia T-722\/05 \u00a0 DERECHO A LA SALUD-Diversos escenarios para su protecci\u00f3n a trav\u00e9s de la tutela\/DERECHO A LA SALUD-Fundamental aut\u00f3nomo\u00a0 \u00a0 El derecho a la salud como derecho fundamental por su conexidad con otros derechos fundamentales. El derecho a la salud como derecho fundamental frente a sujetos de especial protecci\u00f3n. El derecho a la salud como derecho fundamental aut\u00f3nomo en relaci\u00f3n con su contenido esencial. \u00a0 INAPLICACION DE NORMAS DEL PLAN OBLIGATORIO DE SALUD-Casos en que procede \u00a0 CAPACIDAD ECONOMICA DE PERSONA ENFERMA-Reglas probatorias empleadas por la Corte Constitucional\/DERECHO A LA SALUD-Prueba de la incapacidad econ\u00f3mica para asumir ...<br \/><div class=\"pt-cv-rmwrap\"><a href=\"https:\/\/www.dmsjuridica.com\/buscador_20179478954\/corteconstitucionalcronologico202454587\/t-722-05\/\" class=\"_self pt-cv-readmore btn btn-success\" target=\"_self\">Ver Sentencia Completa...<\/a><\/div><\/div><\/div><\/div>\n<div class=\"col-md-12 col-sm-12 col-xs-12 pt-cv-content-item pt-cv-1-col\" ><div class='pt-cv-ifield'><a href=\"https:\/\/www.dmsjuridica.com\/buscador_20179478954\/corteconstitucionalcronologico202454587\/t-721-05\/\" class=\"_self pt-cv-href-thumbnail pt-cv-thumb-default\" target=\"_self\" ><\/a>\n<div class=\"pt-cv-taxoterm above_title\"><a href='https:\/\/www.dmsjuridica.com\/buscador_20179478954\/corteconstitucionalcronologico202454587\/category\/buscar-en-toda-la-corte\/2005\/tutelas-2005\/' title='Tutelas 2005' class='pt-cv-tax-tutelas-2005'>Tutelas 2005<\/a><\/div>\n<h4 class=\"pt-cv-title\"><a href=\"https:\/\/www.dmsjuridica.com\/buscador_20179478954\/corteconstitucionalcronologico202454587\/t-721-05\/\" class=\"_self\" target=\"_self\" >T-721-05<\/a><\/h4>\n<div class=\"pt-cv-content\">\u00a0 \u00a0 Sentencia T-721\/05 \u00a0 SISTEMA GENERAL DE RIESGOS PROFESIONALES-Caracter\u00edsticas \u00a0 SISTEMA GENERAL DE RIESGOS PROFESIONALES-Procedimiento para la calificaci\u00f3n del estado de invalidez de un afiliado\u00a0 \u00a0 DERECHO A LA CONTINUIDAD EN PRESTACION DE SERVICIOS DE LA SEGURIDAD SOCIAL\/ADMINISTRADORA DE RIESGOS PROFESIONALES-Negativa a evaluar p\u00e9rdida de capacidad laboral \u00a0 Referencia: expediente T-1070022 \u00a0 Acci\u00f3n de tutela instaurada por Diana Yolanda Pamplona Larrota contra la A.R.P. del Instituto de Seguros Sociales y la Junta Regional y Nacional de Calificaci\u00f3n de Invalidez. \u00a0 Magistrado Ponente: \u00a0 Dr. HUMBERTO ANTONIO SIERRA PORTO. \u00a0 Bogot\u00e1 D.C., siete (7) de julio de dos mil cinco ...<br \/><div class=\"pt-cv-rmwrap\"><a href=\"https:\/\/www.dmsjuridica.com\/buscador_20179478954\/corteconstitucionalcronologico202454587\/t-721-05\/\" class=\"_self pt-cv-readmore btn btn-success\" target=\"_self\">Ver Sentencia Completa...<\/a><\/div><\/div><\/div><\/div>\n<div class=\"col-md-12 col-sm-12 col-xs-12 pt-cv-content-item pt-cv-1-col\" ><div class='pt-cv-ifield'><a href=\"https:\/\/www.dmsjuridica.com\/buscador_20179478954\/corteconstitucionalcronologico202454587\/t-720-05\/\" class=\"_self pt-cv-href-thumbnail pt-cv-thumb-default\" target=\"_self\" ><\/a>\n<div class=\"pt-cv-taxoterm above_title\"><a href='https:\/\/www.dmsjuridica.com\/buscador_20179478954\/corteconstitucionalcronologico202454587\/category\/buscar-en-toda-la-corte\/2005\/tutelas-2005\/' title='Tutelas 2005' class='pt-cv-tax-tutelas-2005'>Tutelas 2005<\/a><\/div>\n<h4 class=\"pt-cv-title\"><a href=\"https:\/\/www.dmsjuridica.com\/buscador_20179478954\/corteconstitucionalcronologico202454587\/t-720-05\/\" class=\"_self\" target=\"_self\" >T-720-05<\/a><\/h4>\n<div class=\"pt-cv-content\">\u00a0 \u00a0 Sentencia T-720\/05 \u00a0 ACCION DE TUTELA CONTRA PARTICULARES-Casos en que procede\/ACCION DE TUTELA CONTRA PARTICULARES QUE PRESTAN SERVICIO PUBLICO-Procede cuando la vulneraci\u00f3n del derecho fundamental se produce con ocasi\u00f3n a la prestaci\u00f3n del servicio \u00a0 ACCION DE TUTELA Y MEDIO DE DEFENSA JUDICIAL-Aspectos que se deben tener en cuenta para su procedencia \u00a0 ENTIDAD PRESTADORA DE SERVICIOS PUBLICOS DOMICILIARIOS-Carece de prerrogativas para imponer sanciones pecuniarias a los usuarios \u00a0 Se podr\u00eda argumentar que de una interpretaci\u00f3n sistem\u00e1tica de los anteriores preceptos se deriva tal potestad sancionatoria, pues si el art\u00edculo 140 autoriza a las empresas a suspender el ...<br \/><div class=\"pt-cv-rmwrap\"><a href=\"https:\/\/www.dmsjuridica.com\/buscador_20179478954\/corteconstitucionalcronologico202454587\/t-720-05\/\" class=\"_self pt-cv-readmore btn btn-success\" target=\"_self\">Ver Sentencia Completa...<\/a><\/div><\/div><\/div><\/div>\n<div class=\"col-md-12 col-sm-12 col-xs-12 pt-cv-content-item pt-cv-1-col\" ><div class='pt-cv-ifield'><a href=\"https:\/\/www.dmsjuridica.com\/buscador_20179478954\/corteconstitucionalcronologico202454587\/t-719-05\/\" class=\"_self pt-cv-href-thumbnail pt-cv-thumb-default\" target=\"_self\" ><\/a>\n<div class=\"pt-cv-taxoterm above_title\"><a href='https:\/\/www.dmsjuridica.com\/buscador_20179478954\/corteconstitucionalcronologico202454587\/category\/buscar-en-toda-la-corte\/2005\/tutelas-2005\/' title='Tutelas 2005' class='pt-cv-tax-tutelas-2005'>Tutelas 2005<\/a><\/div>\n<h4 class=\"pt-cv-title\"><a href=\"https:\/\/www.dmsjuridica.com\/buscador_20179478954\/corteconstitucionalcronologico202454587\/t-719-05\/\" class=\"_self\" target=\"_self\" >T-719-05<\/a><\/h4>\n<div class=\"pt-cv-content\">\u00a0 \u00a0 Sentencia T-719\/05 \u00a0 DERECHO A LA SALUD DEL MENOR-Fundamental\u00a0 \u00a0 DERECHO A LA SALUD DEL NI\u00d1O-Elecci\u00f3n de tratamiento m\u00e1s adecuado \u00a0 JUEZ CONSTITUCIONAL-No puede valorar un tratamiento m\u00e9dico \u00a0 Referencia: expediente: T-1099341 \u00a0 Accionante: M\u00f3nica G\u00f3mez Rinc\u00f3n \u00a0 Procedencia: Juzgado Treinta y Cinco Civil del Circuito de Bogot\u00e1 \u00a0 Magistrado Ponente:\u00a0 \u00a0 Dr. MARCO GERARDO MONROY CABRA \u00a0 Bogot\u00e1, D.C., siete (7) de julio de dos mil cinco (2005) \u00a0 La Sala Sexta de Revisi\u00f3n de la Corte Constitucional, integrada por los Magistrados, doctores Humberto Antonio Sierra Porto, \u00c1lvaro Tafur Galvis y Marco Gerardo Monroy Cabra, quien la ...<br \/><div class=\"pt-cv-rmwrap\"><a href=\"https:\/\/www.dmsjuridica.com\/buscador_20179478954\/corteconstitucionalcronologico202454587\/t-719-05\/\" class=\"_self pt-cv-readmore btn btn-success\" target=\"_self\">Ver Sentencia Completa...<\/a><\/div><\/div><\/div><\/div>\n<div class=\"col-md-12 col-sm-12 col-xs-12 pt-cv-content-item pt-cv-1-col\" ><div class='pt-cv-ifield'><a href=\"https:\/\/www.dmsjuridica.com\/buscador_20179478954\/corteconstitucionalcronologico202454587\/t-718-05\/\" class=\"_self pt-cv-href-thumbnail pt-cv-thumb-default\" target=\"_self\" ><\/a>\n<div class=\"pt-cv-taxoterm above_title\"><a href='https:\/\/www.dmsjuridica.com\/buscador_20179478954\/corteconstitucionalcronologico202454587\/category\/buscar-en-toda-la-corte\/2005\/tutelas-2005\/' title='Tutelas 2005' class='pt-cv-tax-tutelas-2005'>Tutelas 2005<\/a><\/div>\n<h4 class=\"pt-cv-title\"><a href=\"https:\/\/www.dmsjuridica.com\/buscador_20179478954\/corteconstitucionalcronologico202454587\/t-718-05\/\" class=\"_self\" target=\"_self\" >T-718-05<\/a><\/h4>\n<div class=\"pt-cv-content\">\u00a0 \u00a0 Sentencia T-718\/05 \u00a0 ADMINISTRACION DE DATOS PERSONALES-Principios \u00a0 HISTORIA LABORAL-Contenido y finalidad\/HISTORIA LABORAL-Caracter\u00edsticas\/HOJA DE VIDA DEL TRABAJADOR\/HISTORIA LABORAL \u00a0 En el historial laboral de un empleado se encuentra registrada toda la informaci\u00f3n, positiva o negativa, relacionada con su hoja de vida, desempe\u00f1o en el ejercicio de funciones tales como reconocimientos, llamados de atenci\u00f3n, suspensiones. As\u00ed mismo, la historia laboral contiene la informaci\u00f3n referente al tiempo laborado, las cotizaciones a la seguridad social, los periodos de vacaciones disfrutados o pendientes, el registro de sus cesant\u00edas, nombramientos, ascensos, traslados, retiros, incapacidades, comisiones de trabajo, entre otros datos indispensables para el ...<br \/><div class=\"pt-cv-rmwrap\"><a href=\"https:\/\/www.dmsjuridica.com\/buscador_20179478954\/corteconstitucionalcronologico202454587\/t-718-05\/\" class=\"_self pt-cv-readmore btn btn-success\" target=\"_self\">Ver Sentencia Completa...<\/a><\/div><\/div><\/div><\/div>\n<div class=\"col-md-12 col-sm-12 col-xs-12 pt-cv-content-item pt-cv-1-col\" ><div class='pt-cv-ifield'><a href=\"https:\/\/www.dmsjuridica.com\/buscador_20179478954\/corteconstitucionalcronologico202454587\/t-717-05\/\" class=\"_self pt-cv-href-thumbnail pt-cv-thumb-default\" target=\"_self\" ><\/a>\n<div class=\"pt-cv-taxoterm above_title\"><a href='https:\/\/www.dmsjuridica.com\/buscador_20179478954\/corteconstitucionalcronologico202454587\/category\/buscar-en-toda-la-corte\/2005\/tutelas-2005\/' title='Tutelas 2005' class='pt-cv-tax-tutelas-2005'>Tutelas 2005<\/a><\/div>\n<h4 class=\"pt-cv-title\"><a href=\"https:\/\/www.dmsjuridica.com\/buscador_20179478954\/corteconstitucionalcronologico202454587\/t-717-05\/\" class=\"_self\" target=\"_self\" >T-717-05<\/a><\/h4>\n<div class=\"pt-cv-content\">\u00a0 \u00a0 Sentencia T-717\/05 \u00a0 ESCUELA DE FORMACION DE LA POLICIA NACIONAL-An\u00e1lisis de incapacidades f\u00edsicas deben respetar derechos fundamentales\/ASPIRANTES A INGRESAR A ESCUELA DE POLICIA-Criterios que resultan constitucionalmente inaceptables \u00a0 En varias oportunidades la Corte ha manifestado la responsabilidad con la que los operadores jur\u00eddicos deben interpretar las normas para que \u00e9stas no sean contrarias a la Constituci\u00f3n. As\u00ed, para que el amparo constitucional sea procedente, se requiere que se produzca la amenaza o violaci\u00f3n de un derecho fundamental. En ese sentido, puede anotarse que las causales gen\u00e9ricas de procedibilidad de la tutela contra decisiones adoptadas por autoridades administrativas deben ...<br \/><div class=\"pt-cv-rmwrap\"><a href=\"https:\/\/www.dmsjuridica.com\/buscador_20179478954\/corteconstitucionalcronologico202454587\/t-717-05\/\" class=\"_self pt-cv-readmore btn btn-success\" target=\"_self\">Ver Sentencia Completa...<\/a><\/div><\/div><\/div><\/div>\n<div class=\"col-md-12 col-sm-12 col-xs-12 pt-cv-content-item pt-cv-1-col\" ><div class='pt-cv-ifield'><a href=\"https:\/\/www.dmsjuridica.com\/buscador_20179478954\/corteconstitucionalcronologico202454587\/t-716-05\/\" class=\"_self pt-cv-href-thumbnail pt-cv-thumb-default\" target=\"_self\" ><\/a>\n<div class=\"pt-cv-taxoterm above_title\"><a href='https:\/\/www.dmsjuridica.com\/buscador_20179478954\/corteconstitucionalcronologico202454587\/category\/buscar-en-toda-la-corte\/2005\/tutelas-2005\/' title='Tutelas 2005' class='pt-cv-tax-tutelas-2005'>Tutelas 2005<\/a><\/div>\n<h4 class=\"pt-cv-title\"><a href=\"https:\/\/www.dmsjuridica.com\/buscador_20179478954\/corteconstitucionalcronologico202454587\/t-716-05\/\" class=\"_self\" target=\"_self\" >T-716-05<\/a><\/h4>\n<div class=\"pt-cv-content\">\u00a0 \u00a0 Sentencia T-716\/05 \u00a0 PROCESO EJECUTIVO HIPOTECARIO-Alcance de la sentencia C-955\/00\/PROCESO EJECUTIVO HIPOTECARIO-Reliquidaci\u00f3n autom\u00e1tica \u00a0 PROCESO EJECUTIVO HIPOTECARIO-Terminaci\u00f3n y archivo de procesos iniciados antes del 31 de diciembre de 1999\/PROCESO EJECUTIVO HIPOTECARIO-Terminaci\u00f3n de procesos se produce por ministerio de la ley, por lo tanto debe ser declarada de oficio por el juez\u00a0 \u00a0 ACCION DE TUTELA CONTRA PROVIDENCIAS JUDICIALES-Decisi\u00f3n de no terminar los procesos constituye una v\u00eda de hecho por defecto sustantivo\u00a0 \u00a0 . \u00a0 Referencia: expediente T-1073483 \u00a0 Acci\u00f3n de tutela instaurada por Jos\u00e9 Miguel Lobat\u00f3n Obreg\u00f3n contra el Banco Comercial AV VILLAS S.A. y la Sala Civil ...<br \/><div class=\"pt-cv-rmwrap\"><a href=\"https:\/\/www.dmsjuridica.com\/buscador_20179478954\/corteconstitucionalcronologico202454587\/t-716-05\/\" class=\"_self pt-cv-readmore btn btn-success\" target=\"_self\">Ver Sentencia Completa...<\/a><\/div><\/div><\/div><\/div>\n<div class=\"col-md-12 col-sm-12 col-xs-12 pt-cv-content-item pt-cv-1-col\" ><div class='pt-cv-ifield'><a href=\"https:\/\/www.dmsjuridica.com\/buscador_20179478954\/corteconstitucionalcronologico202454587\/t-715-05\/\" class=\"_self pt-cv-href-thumbnail pt-cv-thumb-default\" target=\"_self\" ><\/a>\n<div class=\"pt-cv-taxoterm above_title\"><a href='https:\/\/www.dmsjuridica.com\/buscador_20179478954\/corteconstitucionalcronologico202454587\/category\/buscar-en-toda-la-corte\/2005\/tutelas-2005\/' title='Tutelas 2005' class='pt-cv-tax-tutelas-2005'>Tutelas 2005<\/a><\/div>\n<h4 class=\"pt-cv-title\"><a href=\"https:\/\/www.dmsjuridica.com\/buscador_20179478954\/corteconstitucionalcronologico202454587\/t-715-05\/\" class=\"_self\" target=\"_self\" >T-715-05<\/a><\/h4>\n<div class=\"pt-cv-content\">\u00a0 \u00a0 Sentencia T-715\/05 \u00a0 ACCION DE TUTELA-Procedencia excepcional para el pago de acreencias pensi\u00f3nales \u00a0 DERECHO AL MINIMO VITAL DEL PENSIONADO-Pago de mesadas atrasadas\/DERECHO A LA VIDA DIGNA DEL PENSIONADO-Pago oportuno de mesadas \u00a0 DERECHO A LA PENSION DE JUBILACION-Situaci\u00f3n econ\u00f3mica de empresa no impide pago oportuno de mesadas\u00a0 \u00a0 Referencia: expedientes T-1058493, T-1058516, T-1051910, T-1069350 (acumulados). \u00a0 Acciones de tutela instauradas separadamente por Blanca Lancheros y Otras contra la Fundaci\u00f3n San Juan de Dios y el Ministerio de Hacienda y Cr\u00e9dito Publico.\u00a0 \u00a0 Magistrado Ponente: \u00a0 Dr. ALVARO TAFUR GALVIS \u00a0 Bogot\u00e1, D.C., \u00a0siete (7) de julio de ...<br \/><div class=\"pt-cv-rmwrap\"><a href=\"https:\/\/www.dmsjuridica.com\/buscador_20179478954\/corteconstitucionalcronologico202454587\/t-715-05\/\" class=\"_self pt-cv-readmore btn btn-success\" target=\"_self\">Ver Sentencia Completa...<\/a><\/div><\/div><\/div><\/div>\n<div class=\"col-md-12 col-sm-12 col-xs-12 pt-cv-content-item pt-cv-1-col\" ><div class='pt-cv-ifield'><a href=\"https:\/\/www.dmsjuridica.com\/buscador_20179478954\/corteconstitucionalcronologico202454587\/t-714-05\/\" class=\"_self pt-cv-href-thumbnail pt-cv-thumb-default\" target=\"_self\" ><\/a>\n<div class=\"pt-cv-taxoterm above_title\"><a href='https:\/\/www.dmsjuridica.com\/buscador_20179478954\/corteconstitucionalcronologico202454587\/category\/buscar-en-toda-la-corte\/2005\/tutelas-2005\/' title='Tutelas 2005' class='pt-cv-tax-tutelas-2005'>Tutelas 2005<\/a><\/div>\n<h4 class=\"pt-cv-title\"><a href=\"https:\/\/www.dmsjuridica.com\/buscador_20179478954\/corteconstitucionalcronologico202454587\/t-714-05\/\" class=\"_self\" target=\"_self\" >T-714-05<\/a><\/h4>\n<div class=\"pt-cv-content\">\u00a0 \u00a0 Sentencia T-714\/05 \u00a0 PENSION DE SOBREVIVIENTES-Finalidad esencial \u00a0 ACCION DE TUTELA PARA CUMPLIMIENTO DE SENTENCIAS-Inclusi\u00f3n en n\u00f3mina de pensionados \u00a0 ACTO DE INCLUSION EN NOMINA-Acci\u00f3n de tutela es mecanismo id\u00f3neo para el cumplimiento de actos de tr\u00e1mite \u00a0 Referencia: expediente T-1074666 \u00a0 Accionante: Ledys del Carmen del Valle Ibarra \u00a0 Demandado: Instituto de Seguros Sociales - Seccional Magdalena. \u00a0 Magistrado Ponente:\u00a0 \u00a0 Dr. RODRIGO ESCOBAR GIL \u00a0 Bogot\u00e1, D.C., \u00a0siete (7) de julio de dos mil cinco (2005). \u00a0 La Sala Quinta de Revisi\u00f3n de la Corte Constitucional, integrada por los Magistrados Rodrigo Escobar Gil, Marco Gerardo Monroy ...<br \/><div class=\"pt-cv-rmwrap\"><a href=\"https:\/\/www.dmsjuridica.com\/buscador_20179478954\/corteconstitucionalcronologico202454587\/t-714-05\/\" class=\"_self pt-cv-readmore btn btn-success\" target=\"_self\">Ver Sentencia Completa...<\/a><\/div><\/div><\/div><\/div>\n<div class=\"col-md-12 col-sm-12 col-xs-12 pt-cv-content-item pt-cv-1-col\" ><div class='pt-cv-ifield'><a href=\"https:\/\/www.dmsjuridica.com\/buscador_20179478954\/corteconstitucionalcronologico202454587\/t-713-05\/\" class=\"_self pt-cv-href-thumbnail pt-cv-thumb-default\" target=\"_self\" ><\/a>\n<div class=\"pt-cv-taxoterm above_title\"><a href='https:\/\/www.dmsjuridica.com\/buscador_20179478954\/corteconstitucionalcronologico202454587\/category\/buscar-en-toda-la-corte\/2005\/tutelas-2005\/' title='Tutelas 2005' class='pt-cv-tax-tutelas-2005'>Tutelas 2005<\/a><\/div>\n<h4 class=\"pt-cv-title\"><a href=\"https:\/\/www.dmsjuridica.com\/buscador_20179478954\/corteconstitucionalcronologico202454587\/t-713-05\/\" class=\"_self\" target=\"_self\" >T-713-05<\/a><\/h4>\n<div class=\"pt-cv-content\">\u00a0 \u00a0 Sentencia T-713\/05 \u00a0 ACCION DE TUTELA CONTRA PROVIDENCIAS JUDICIALES-Procedencia excepcional\/ACCION DE TUTELA CONTRA PROVIDENCIAS JUDICIALES-Causales gen\u00e9ricas de procedibilidad \u00a0 ACCION DE TUTELA CONTRA PROVIDENCIAS JUDICIALES-Car\u00e1cter subsidiario \u00a0 DERECHO AL DEBIDO PROCESO Y ACCESO A LA ADMINISTRACION DE JUSTICIA-Vulneraci\u00f3n por funcionario judicial al abstenerse de responder las solicitudes que se dieron en el curso del proceso\/DERECHO AL DEBIDO PROCESO-Vulneraci\u00f3n al omitir contestar petici\u00f3n de pruebas\u00a0 \u00a0 Cuando se formulan solicitudes en el curso de un proceso, \u00a0 relacionadas con \u00e9ste, y el funcionario judicial competente se abstiene de responderlas, tal omisi\u00f3n no vulnera el derecho de petici\u00f3n, sino que ...<br \/><div class=\"pt-cv-rmwrap\"><a href=\"https:\/\/www.dmsjuridica.com\/buscador_20179478954\/corteconstitucionalcronologico202454587\/t-713-05\/\" class=\"_self pt-cv-readmore btn btn-success\" target=\"_self\">Ver Sentencia Completa...<\/a><\/div><\/div><\/div><\/div>\n<div class=\"col-md-12 col-sm-12 col-xs-12 pt-cv-content-item pt-cv-1-col\" ><div class='pt-cv-ifield'><a href=\"https:\/\/www.dmsjuridica.com\/buscador_20179478954\/corteconstitucionalcronologico202454587\/t-705-05\/\" class=\"_self pt-cv-href-thumbnail pt-cv-thumb-default\" target=\"_self\" ><\/a>\n<div class=\"pt-cv-taxoterm above_title\"><a href='https:\/\/www.dmsjuridica.com\/buscador_20179478954\/corteconstitucionalcronologico202454587\/category\/buscar-en-toda-la-corte\/2005\/tutelas-2005\/' title='Tutelas 2005' class='pt-cv-tax-tutelas-2005'>Tutelas 2005<\/a><\/div>\n<h4 class=\"pt-cv-title\"><a href=\"https:\/\/www.dmsjuridica.com\/buscador_20179478954\/corteconstitucionalcronologico202454587\/t-705-05\/\" class=\"_self\" target=\"_self\" >T-705-05<\/a><\/h4>\n<div class=\"pt-cv-content\">\u00a0 \u00a0 Sentencia T-705\/05 \u00a0 ACCION DE TUTELA CONTRA PROVIDENCIAS JUDICIALES-Causales gen\u00e9ricas de procedibilidad \u00a0 PUBLICIDAD DE ACTO ADMINISTRATIVO PARTICULAR Y CONCRETO-Notificaci\u00f3n \u00a0 PROCESO DE NULIDAD Y RESTABLECIMIENTO DEL DERECHO-Vulneraci\u00f3n al debido proceso por inadmitir y rechazar la demanda al no haberse demostrado la negativa de la administraci\u00f3n de expedir copias de los actos administrativos\u00a0 \u00a0 \u00a0Referencia: expediente T-1051924 \u00a0 Acci\u00f3n de tutela instaurada por el se\u00f1or Marcos Dar\u00edo M\u00e1rquez Cardozo contra la Secci\u00f3n Segunda, Subsecci\u00f3n \u201cC\u201d del Tribunal Administrativo de Cundinamarca, con citaci\u00f3n oficiosa de la Gobernaci\u00f3n de Cundinamarca. \u00a0 Magistrado Ponente: \u00a0 Dr. JAIME ARA\u00daJO RENTER\u00cdA \u00a0 Bogot\u00e1, ...<br \/><div class=\"pt-cv-rmwrap\"><a href=\"https:\/\/www.dmsjuridica.com\/buscador_20179478954\/corteconstitucionalcronologico202454587\/t-705-05\/\" class=\"_self pt-cv-readmore btn btn-success\" target=\"_self\">Ver Sentencia Completa...<\/a><\/div><\/div><\/div><\/div>\n<div class=\"col-md-12 col-sm-12 col-xs-12 pt-cv-content-item pt-cv-1-col\" ><div class='pt-cv-ifield'><a href=\"https:\/\/www.dmsjuridica.com\/buscador_20179478954\/corteconstitucionalcronologico202454587\/t-704-05\/\" class=\"_self pt-cv-href-thumbnail pt-cv-thumb-default\" target=\"_self\" ><\/a>\n<div class=\"pt-cv-taxoterm above_title\"><a href='https:\/\/www.dmsjuridica.com\/buscador_20179478954\/corteconstitucionalcronologico202454587\/category\/buscar-en-toda-la-corte\/2005\/tutelas-2005\/' title='Tutelas 2005' class='pt-cv-tax-tutelas-2005'>Tutelas 2005<\/a><\/div>\n<h4 class=\"pt-cv-title\"><a href=\"https:\/\/www.dmsjuridica.com\/buscador_20179478954\/corteconstitucionalcronologico202454587\/t-704-05\/\" class=\"_self\" target=\"_self\" >T-704-05<\/a><\/h4>\n<div class=\"pt-cv-content\">\u00a0 \u00a0 Sentencia T-704\/05 \u00a0 DERECHO A LA SALUD DEL NI\u00d1O-Fundamental aut\u00f3nomo \u00a0 INAPLICACION DE NORMAS DEL PLAN OBLIGATORIO DE SALUD-Casos en que procede \u00a0 NEGLIGENCIA ADMINISTRATIVA-No se realiz\u00f3 tr\u00e1mite ante el Comit\u00e9 T\u00e9cnico Cient\u00edfico para obtener la aprobaci\u00f3n del medicamento prescrito excluido del POS \u00a0 Referencia: expediente T-1073592 \u00a0 Acci\u00f3n de tutela instaurada por Gladys Montenegro V\u00e1squez en representaci\u00f3n de su hija menor \u00a0Shaira Mar\u00eda Montenegro V\u00e1squez, contra, E.S.E. Hospital San Jorge.\u00a0 \u00a0 Magistrada Ponente: \u00a0 Dra. CLARA IN\u00c9S VARGAS HERN\u00c1NDEZ \u00a0 Bogot\u00e1, D.C., cinco (5) de julio de dos mil cinco (2005) \u00a0 La Sala Novena de Revisi\u00f3n ...<br \/><div class=\"pt-cv-rmwrap\"><a href=\"https:\/\/www.dmsjuridica.com\/buscador_20179478954\/corteconstitucionalcronologico202454587\/t-704-05\/\" class=\"_self pt-cv-readmore btn btn-success\" target=\"_self\">Ver Sentencia Completa...<\/a><\/div><\/div><\/div><\/div>\n<div class=\"col-md-12 col-sm-12 col-xs-12 pt-cv-content-item pt-cv-1-col\" ><div class='pt-cv-ifield'><a href=\"https:\/\/www.dmsjuridica.com\/buscador_20179478954\/corteconstitucionalcronologico202454587\/t-703-05\/\" class=\"_self pt-cv-href-thumbnail pt-cv-thumb-default\" target=\"_self\" ><\/a>\n<div class=\"pt-cv-taxoterm above_title\"><a href='https:\/\/www.dmsjuridica.com\/buscador_20179478954\/corteconstitucionalcronologico202454587\/category\/buscar-en-toda-la-corte\/2005\/tutelas-2005\/' title='Tutelas 2005' class='pt-cv-tax-tutelas-2005'>Tutelas 2005<\/a><\/div>\n<h4 class=\"pt-cv-title\"><a href=\"https:\/\/www.dmsjuridica.com\/buscador_20179478954\/corteconstitucionalcronologico202454587\/t-703-05\/\" class=\"_self\" target=\"_self\" >T-703-05<\/a><\/h4>\n<div class=\"pt-cv-content\">\u00a0 \u00a0 Sentencia T-703\/05 \u00a0 ACCION DE TUTELA-Improcedencia reembolso de dineros por asunci\u00f3n de costos m\u00e9dicos\/MEDIO DE DEFENSA JUDICIAL-Reembolso de dineros por asunci\u00f3n de costos m\u00e9dicos \u00a0 Referencia: expediente T-1070757 \u00a0 Acci\u00f3n de tutela instaurada por Gustavo Adolfo Bogot\u00e1 Treffrys en calidad de agente oficioso de su padre Fulgencio Bogot\u00e1 Ch\u00eda en contra COLMEDICA E.P.S. \u00a0 Magistrada Ponente: \u00a0 Dra. CLARA IN\u00c9S VARGAS HERN\u00c1NDEZ \u00a0 Bogot\u00e1, D. C., cinco (5) de julio de dos mil cinco (2005). \u00a0 La Sala Novena de Revisi\u00f3n de la Corte Constitucional, integrada por los Magistrados Clara In\u00e9s Vargas Hern\u00e1ndez, Jaime Araujo Renter\u00eda y Alfredo ...<br \/><div class=\"pt-cv-rmwrap\"><a href=\"https:\/\/www.dmsjuridica.com\/buscador_20179478954\/corteconstitucionalcronologico202454587\/t-703-05\/\" class=\"_self pt-cv-readmore btn btn-success\" target=\"_self\">Ver Sentencia Completa...<\/a><\/div><\/div><\/div><\/div>\n<div class=\"col-md-12 col-sm-12 col-xs-12 pt-cv-content-item pt-cv-1-col\" ><div class='pt-cv-ifield'><a href=\"https:\/\/www.dmsjuridica.com\/buscador_20179478954\/corteconstitucionalcronologico202454587\/t-702-05\/\" class=\"_self pt-cv-href-thumbnail pt-cv-thumb-default\" target=\"_self\" ><\/a>\n<div class=\"pt-cv-taxoterm above_title\"><a href='https:\/\/www.dmsjuridica.com\/buscador_20179478954\/corteconstitucionalcronologico202454587\/category\/buscar-en-toda-la-corte\/2005\/tutelas-2005\/' title='Tutelas 2005' class='pt-cv-tax-tutelas-2005'>Tutelas 2005<\/a><\/div>\n<h4 class=\"pt-cv-title\"><a href=\"https:\/\/www.dmsjuridica.com\/buscador_20179478954\/corteconstitucionalcronologico202454587\/t-702-05\/\" class=\"_self\" target=\"_self\" >T-702-05<\/a><\/h4>\n<div class=\"pt-cv-content\">\u00a0 \u00a0 Sentencia T-702\/05 \u00a0 AGENCIA OFICIOSA-Hija en representaci\u00f3n de su madre\/PENSION DE SOBREVIVIENTES-Naturaleza jur\u00eddica y objeto \u00a0 Es por ello que la Corte ha considerado que la pensi\u00f3n de sobrevivientes, en la medida en que provea el soporte material necesario para la satisfacci\u00f3n del m\u00ednimo vital de sus beneficiarios, adquiere el car\u00e1cter de derecho fundamental. As\u00ed pues, el derecho a percibir la sustituci\u00f3n pensional es un derecho fundamental por \u201cestar contenido dentro de valores tutelables: el derecho a la vida, a la seguridad social, a la salud, al trabajo. Es inalienable, inherente y esencial. Y, hay una situaci\u00f3n de ...<br \/><div class=\"pt-cv-rmwrap\"><a href=\"https:\/\/www.dmsjuridica.com\/buscador_20179478954\/corteconstitucionalcronologico202454587\/t-702-05\/\" class=\"_self pt-cv-readmore btn btn-success\" target=\"_self\">Ver Sentencia Completa...<\/a><\/div><\/div><\/div><\/div>\n<div class=\"col-md-12 col-sm-12 col-xs-12 pt-cv-content-item pt-cv-1-col\" ><div class='pt-cv-ifield'><a href=\"https:\/\/www.dmsjuridica.com\/buscador_20179478954\/corteconstitucionalcronologico202454587\/t-701-05\/\" class=\"_self pt-cv-href-thumbnail pt-cv-thumb-default\" target=\"_self\" ><\/a>\n<div class=\"pt-cv-taxoterm above_title\"><a href='https:\/\/www.dmsjuridica.com\/buscador_20179478954\/corteconstitucionalcronologico202454587\/category\/buscar-en-toda-la-corte\/2005\/tutelas-2005\/' title='Tutelas 2005' class='pt-cv-tax-tutelas-2005'>Tutelas 2005<\/a><\/div>\n<h4 class=\"pt-cv-title\"><a href=\"https:\/\/www.dmsjuridica.com\/buscador_20179478954\/corteconstitucionalcronologico202454587\/t-701-05\/\" class=\"_self\" target=\"_self\" >T-701-05<\/a><\/h4>\n<div class=\"pt-cv-content\">\u00a0 \u00a0 Sentencia T-701\/05 \u00a0 DERECHOS FUNDAMENTALES DE PERSONA JURIDICA-Se\u00f1alamiento de los que resultan aplicables y protecci\u00f3n por tutela \u00a0 LIBERTAD DE ESCOGER PROFESION U OFICIO-Vulneraci\u00f3n por no expedici\u00f3n de tarjeta profesional \u00a0 AUTONOMIA UNIVERSITARIA-Derecho limitado\u00a0 \u00a0 CONSEJO DE PROFESIONALES-Funciones de inspecci\u00f3n y vigilancia a actividades profesionales al no expedir tarjeta profesional\u00a0 \u00a0 La tarjeta profesional constituye una forma de inspecci\u00f3n y vigilancia al ejercicio de ciertas actividades y por ello los Consejos pueden otorgar, homologar o no autorizar su entrega de acuerdo con las previsiones del Legislador. De esta manera, est\u00e1n legitimados para exigir el cumplimiento de los requisitos ...<br \/><div class=\"pt-cv-rmwrap\"><a href=\"https:\/\/www.dmsjuridica.com\/buscador_20179478954\/corteconstitucionalcronologico202454587\/t-701-05\/\" class=\"_self pt-cv-readmore btn btn-success\" target=\"_self\">Ver Sentencia Completa...<\/a><\/div><\/div><\/div><\/div>\n<div class=\"col-md-12 col-sm-12 col-xs-12 pt-cv-content-item pt-cv-1-col\" ><div class='pt-cv-ifield'><a href=\"https:\/\/www.dmsjuridica.com\/buscador_20179478954\/corteconstitucionalcronologico202454587\/t-699-05\/\" class=\"_self pt-cv-href-thumbnail pt-cv-thumb-default\" target=\"_self\" ><\/a>\n<div class=\"pt-cv-taxoterm above_title\"><a href='https:\/\/www.dmsjuridica.com\/buscador_20179478954\/corteconstitucionalcronologico202454587\/category\/buscar-en-toda-la-corte\/2005\/tutelas-2005\/' title='Tutelas 2005' class='pt-cv-tax-tutelas-2005'>Tutelas 2005<\/a><\/div>\n<h4 class=\"pt-cv-title\"><a href=\"https:\/\/www.dmsjuridica.com\/buscador_20179478954\/corteconstitucionalcronologico202454587\/t-699-05\/\" class=\"_self\" target=\"_self\" >T-699-05<\/a><\/h4>\n<div class=\"pt-cv-content\">\u00a0 \u00a0 Sentencia T-699\/05 \u00a0 ACCION DE TUTELA CONTRA PROVIDENCIAS JUDICIALES-Causales gen\u00e9ricas de procedibilidad \u00a0 ACCION DE TUTELA CONTRA PROVIDENCIAS JUDICIALES-Ajuste terminol\u00f3gico\/VIA DE HECHO-Expresi\u00f3n que se ha reemplazado por la de causales gen\u00e9ricas de procedibilidad de la tutela \u00a0 ACCION DE TUTELA CONTRA PROVIDENCIAS JUDICIALES-V\u00eda de hecho por defecto f\u00e1ctico\u00a0 \u00a0 Referencia: expediente T-1078442 \u00a0 Acci\u00f3n de tutela instaurada por C\u00e9limo Conde Herrera. \u00a0 Magistrado Ponente:\u00a0 \u00a0 Dr. MANUEL JOSE CEPEDA ESPINOSA \u00a0 Bogot\u00e1, D.C., primero (1) de julio de dos mil cinco (2005). \u00a0 La Sala Tercera de Revisi\u00f3n de la Corte Constitucional, integrada por los magistrados Manuel Jos\u00e9 ...<br \/><div class=\"pt-cv-rmwrap\"><a href=\"https:\/\/www.dmsjuridica.com\/buscador_20179478954\/corteconstitucionalcronologico202454587\/t-699-05\/\" class=\"_self pt-cv-readmore btn btn-success\" target=\"_self\">Ver Sentencia Completa...<\/a><\/div><\/div><\/div><\/div>\n<div class=\"col-md-12 col-sm-12 col-xs-12 pt-cv-content-item pt-cv-1-col\" ><div class='pt-cv-ifield'><a href=\"https:\/\/www.dmsjuridica.com\/buscador_20179478954\/corteconstitucionalcronologico202454587\/t-698-05\/\" class=\"_self pt-cv-href-thumbnail pt-cv-thumb-default\" target=\"_self\" ><\/a>\n<div class=\"pt-cv-taxoterm above_title\"><a href='https:\/\/www.dmsjuridica.com\/buscador_20179478954\/corteconstitucionalcronologico202454587\/category\/buscar-en-toda-la-corte\/2005\/tutelas-2005\/' title='Tutelas 2005' class='pt-cv-tax-tutelas-2005'>Tutelas 2005<\/a><\/div>\n<h4 class=\"pt-cv-title\"><a href=\"https:\/\/www.dmsjuridica.com\/buscador_20179478954\/corteconstitucionalcronologico202454587\/t-698-05\/\" class=\"_self\" target=\"_self\" >T-698-05<\/a><\/h4>\n<div class=\"pt-cv-content\">\u00a0 \u00a0 Sentencia T-698\/05 \u00a0 DERECHO A LA SALUD-Fundamental en conexidad con la vida\/DERECHO A LA SALUD-Subregla jurisprudencial para determinar vulneraci\u00f3n de quien requiere servicio m\u00e9dico no incluido en el POS \u00a0 DERECHO A LA SALUD-Incorpora el derecho al diagn\u00f3stico \u00a0 ADMINISTRADORA DEL REGIMEN CONTRIBUTIVO-Posibilidad de repetir contra el Estado trat\u00e1ndose de medicamentos y tratamientos excluidos del POS\/ADMINISTRADORA DEL REGIMEN SUBSIDIADO-Posibilidad de repetir contra el Estado trat\u00e1ndose de tratamientos o medicamentos excluidos del POSS\/ADMINISTRADORA DEL REGIMEN SUBSIDIADO-Posiciones en cuanto a sus obligaciones con respecto a los tratamientos excluidos del POSS \u00a0 Cuando el servicio m\u00e9dico requerido es un medicamento, la ...<br \/><div class=\"pt-cv-rmwrap\"><a href=\"https:\/\/www.dmsjuridica.com\/buscador_20179478954\/corteconstitucionalcronologico202454587\/t-698-05\/\" class=\"_self pt-cv-readmore btn btn-success\" target=\"_self\">Ver Sentencia Completa...<\/a><\/div><\/div><\/div><\/div>\n<div class=\"col-md-12 col-sm-12 col-xs-12 pt-cv-content-item pt-cv-1-col\" ><div class='pt-cv-ifield'><a href=\"https:\/\/www.dmsjuridica.com\/buscador_20179478954\/corteconstitucionalcronologico202454587\/t-697-05\/\" class=\"_self pt-cv-href-thumbnail pt-cv-thumb-default\" target=\"_self\" ><\/a>\n<div class=\"pt-cv-taxoterm above_title\"><a href='https:\/\/www.dmsjuridica.com\/buscador_20179478954\/corteconstitucionalcronologico202454587\/category\/buscar-en-toda-la-corte\/2005\/tutelas-2005\/' title='Tutelas 2005' class='pt-cv-tax-tutelas-2005'>Tutelas 2005<\/a><\/div>\n<h4 class=\"pt-cv-title\"><a href=\"https:\/\/www.dmsjuridica.com\/buscador_20179478954\/corteconstitucionalcronologico202454587\/t-697-05\/\" class=\"_self\" target=\"_self\" >T-697-05<\/a><\/h4>\n<div class=\"pt-cv-content\">\u00a0 \u00a0 Sentencia T-697\/05 \u00a0 ACTO PROPIO-Respeto por entidad financiera\/ACTO PROPIO-Subregla jurisprudencial para la aplicaci\u00f3n de este principio \u00a0 Como lo viene reiterando la jurisprudencia constitucional, que el principio del respeto al acto propio es aplicable en las disputas que se susciten entre las entidades financieras y los usuarios del sistema a prop\u00f3sito de las controversias por errores en el c\u00e1lculo de la reliquidaci\u00f3n de deudas hipotecarias, de acuerdo con lo dispuesto por la Ley 546 de 1999. Seg\u00fan la jurisprudencia, el principio de respeto del acto propio, \u201c(\u2026) resulta aplicable cuando (i) se ha proferido un acto que contenga ...<br \/><div class=\"pt-cv-rmwrap\"><a href=\"https:\/\/www.dmsjuridica.com\/buscador_20179478954\/corteconstitucionalcronologico202454587\/t-697-05\/\" class=\"_self pt-cv-readmore btn btn-success\" target=\"_self\">Ver Sentencia Completa...<\/a><\/div><\/div><\/div><\/div>\n<div class=\"col-md-12 col-sm-12 col-xs-12 pt-cv-content-item pt-cv-1-col\" ><div class='pt-cv-ifield'><a href=\"https:\/\/www.dmsjuridica.com\/buscador_20179478954\/corteconstitucionalcronologico202454587\/t-696-05\/\" class=\"_self pt-cv-href-thumbnail pt-cv-thumb-default\" target=\"_self\" ><\/a>\n<div class=\"pt-cv-taxoterm above_title\"><a href='https:\/\/www.dmsjuridica.com\/buscador_20179478954\/corteconstitucionalcronologico202454587\/category\/buscar-en-toda-la-corte\/2005\/tutelas-2005\/' title='Tutelas 2005' class='pt-cv-tax-tutelas-2005'>Tutelas 2005<\/a><\/div>\n<h4 class=\"pt-cv-title\"><a href=\"https:\/\/www.dmsjuridica.com\/buscador_20179478954\/corteconstitucionalcronologico202454587\/t-696-05\/\" class=\"_self\" target=\"_self\" >T-696-05<\/a><\/h4>\n<div class=\"pt-cv-content\">\u00a0 \u00a0 Sentencia T-696\/05 \u00a0 DESVINCULACION EN CARGO DE CARRERA EN PROVISIONALIDAD-Procedencia de tutela\/DEBIDO PROCESO-Vulneraci\u00f3n por no motivarse el acto de insubsistencia de empleado en provisionalidad ocupando cargo de carrera \u00a0 ACTO ADMINISTRATIVO-Deber de motivar la desvinculaci\u00f3n de funcionario que ejerce en provisionalidad cargo de carrera administrativa \u00a0 Reiteraci\u00f3n de Jurisprudencia \u00a0 Referencia: expediente T-1061087 \u00a0 Acci\u00f3n de tutela instaurada por Guillermo Oyola Herazo contra el Instituto Colombiano de Desarrollo Rural -INCODER-. \u00a0 Magistrado Ponente: \u00a0 Dr. MANUEL JOS\u00c9 CEPEDA ESPINOSA \u00a0 Bogot\u00e1, D.C., primero (1) de julio de dos mil cinco (2005) \u00a0 La Sala Tercera de Revisi\u00f3n de ...<br \/><div class=\"pt-cv-rmwrap\"><a href=\"https:\/\/www.dmsjuridica.com\/buscador_20179478954\/corteconstitucionalcronologico202454587\/t-696-05\/\" class=\"_self pt-cv-readmore btn btn-success\" target=\"_self\">Ver Sentencia Completa...<\/a><\/div><\/div><\/div><\/div>\n<div class=\"col-md-12 col-sm-12 col-xs-12 pt-cv-content-item pt-cv-1-col\" ><div class='pt-cv-ifield'><a href=\"https:\/\/www.dmsjuridica.com\/buscador_20179478954\/corteconstitucionalcronologico202454587\/t-695-05\/\" class=\"_self pt-cv-href-thumbnail pt-cv-thumb-default\" target=\"_self\" ><\/a>\n<div class=\"pt-cv-taxoterm above_title\"><a href='https:\/\/www.dmsjuridica.com\/buscador_20179478954\/corteconstitucionalcronologico202454587\/category\/buscar-en-toda-la-corte\/2005\/tutelas-2005\/' title='Tutelas 2005' class='pt-cv-tax-tutelas-2005'>Tutelas 2005<\/a><\/div>\n<h4 class=\"pt-cv-title\"><a href=\"https:\/\/www.dmsjuridica.com\/buscador_20179478954\/corteconstitucionalcronologico202454587\/t-695-05\/\" class=\"_self\" target=\"_self\" >T-695-05<\/a><\/h4>\n<div class=\"pt-cv-content\">\u00a0 \u00a0 Sentencia T-695\/05 \u00a0 LEGITIMACION POR ACTIVA-Cualquier persona puede interponer acci\u00f3n de tutela ante la vulneraci\u00f3n o amenaza de los derechos de los ni\u00f1os\u00a0 \u00a0 DERECHO A LA SALUD DEL NI\u00d1O-Fundamental aut\u00f3nomo \u00a0 DERECHO A LA SALUD DEL MENOR-Subregla a aplicar en caso de copago, cuotas moderadoras, cuotas de recuperaci\u00f3n o pago de porcentaje \u00a0 INAPLICACION DE NORMAS EN MATERIA DE SALUD-Condiciones establecidas en la jurisprudencia en casos de copago, cuotas moderadoras, cuotas de recuperaci\u00f3n o pago de porcentaje \u00a0 Reiteraci\u00f3n de Jurisprudencia \u00a0 Referencia: expediente T-1073803 \u00a0 Acci\u00f3n de tutela instaurada por Yadis Luc\u00eda Alzate Galvis en representaci\u00f3n ...<br \/><div class=\"pt-cv-rmwrap\"><a href=\"https:\/\/www.dmsjuridica.com\/buscador_20179478954\/corteconstitucionalcronologico202454587\/t-695-05\/\" class=\"_self pt-cv-readmore btn btn-success\" target=\"_self\">Ver Sentencia Completa...<\/a><\/div><\/div><\/div><\/div>\n<div class=\"col-md-12 col-sm-12 col-xs-12 pt-cv-content-item pt-cv-1-col\" ><div class='pt-cv-ifield'><a href=\"https:\/\/www.dmsjuridica.com\/buscador_20179478954\/corteconstitucionalcronologico202454587\/t-694-05\/\" class=\"_self pt-cv-href-thumbnail pt-cv-thumb-default\" target=\"_self\" ><\/a>\n<div class=\"pt-cv-taxoterm above_title\"><a href='https:\/\/www.dmsjuridica.com\/buscador_20179478954\/corteconstitucionalcronologico202454587\/category\/buscar-en-toda-la-corte\/2005\/tutelas-2005\/' title='Tutelas 2005' class='pt-cv-tax-tutelas-2005'>Tutelas 2005<\/a><\/div>\n<h4 class=\"pt-cv-title\"><a href=\"https:\/\/www.dmsjuridica.com\/buscador_20179478954\/corteconstitucionalcronologico202454587\/t-694-05\/\" class=\"_self\" target=\"_self\" >T-694-05<\/a><\/h4>\n<div class=\"pt-cv-content\">\u00a0 \u00a0 Sentencia T-694\/05 \u00a0 DERECHO A LA SALUD-Incorpora el derecho al diagn\u00f3stico\/DERECHO A LA SALUD-Derecho prestacional que adquiere el car\u00e1cter de fundamental cuando pone en peligro un derecho fundamental\u00a0 \u00a0 DERECHO A LA VIDA-Concepto amplio\u00a0 \u00a0 Reiteraci\u00f3n de Jurisprudencia \u00a0 Referencia: expediente T-1010811 \u00a0 Acci\u00f3n de tutela instaurada por Gladys Franco Barbetti contra EMSSANAR E.S.S.\u00a0 \u00a0 Magistrado Ponente: \u00a0 Dr. JAIME C\u00d3RDOBA TRIVI\u00d1O \u00a0 Bogot\u00e1 D.C., primero (1) de julio de dos mil cinco (2005). \u00a0 La Sala Cuarta de Revisi\u00f3n de la Corte Constitucional, en ejercicio de sus competencias constitucionales y legales, espec\u00edficamente las previstas en los art\u00edculos ...<br \/><div class=\"pt-cv-rmwrap\"><a href=\"https:\/\/www.dmsjuridica.com\/buscador_20179478954\/corteconstitucionalcronologico202454587\/t-694-05\/\" class=\"_self pt-cv-readmore btn btn-success\" target=\"_self\">Ver Sentencia Completa...<\/a><\/div><\/div><\/div><\/div>\n<div class=\"col-md-12 col-sm-12 col-xs-12 pt-cv-content-item pt-cv-1-col\" ><div class='pt-cv-ifield'><a href=\"https:\/\/www.dmsjuridica.com\/buscador_20179478954\/corteconstitucionalcronologico202454587\/t-693-05\/\" class=\"_self pt-cv-href-thumbnail pt-cv-thumb-default\" target=\"_self\" ><\/a>\n<div class=\"pt-cv-taxoterm above_title\"><a href='https:\/\/www.dmsjuridica.com\/buscador_20179478954\/corteconstitucionalcronologico202454587\/category\/buscar-en-toda-la-corte\/2005\/tutelas-2005\/' title='Tutelas 2005' class='pt-cv-tax-tutelas-2005'>Tutelas 2005<\/a><\/div>\n<h4 class=\"pt-cv-title\"><a href=\"https:\/\/www.dmsjuridica.com\/buscador_20179478954\/corteconstitucionalcronologico202454587\/t-693-05\/\" class=\"_self\" target=\"_self\" >T-693-05<\/a><\/h4>\n<div class=\"pt-cv-content\">\u00a0 \u00a0 Sentencia T-693\/05 \u00a0 ACCION DE TUTELA-Obligaci\u00f3n del juez de tutela de integrar el contradictorio \u00a0 ACCION DE TUTELA PARA RECONOCIMIENTO DE PENSION DE VEJEZ-Procedencia excepcional por someter al actor a una larga espera\u00a0 \u00a0 La Corte ha considerado que en principio la acci\u00f3n de tutela no es el mecanismo id\u00f3neo para obtener el reconocimiento de pensiones, o para lograr que se liquiden ellas o que se reanude su pago interrumpido, toda vez que para ello existen otros medios de defensa judicial, en atenci\u00f3n a que dicha acci\u00f3n no tiene como finalidad el reconocimiento de derechos litigiosos o prestacionales ...<br \/><div class=\"pt-cv-rmwrap\"><a href=\"https:\/\/www.dmsjuridica.com\/buscador_20179478954\/corteconstitucionalcronologico202454587\/t-693-05\/\" class=\"_self pt-cv-readmore btn btn-success\" target=\"_self\">Ver Sentencia Completa...<\/a><\/div><\/div><\/div><\/div>\n<div class=\"col-md-12 col-sm-12 col-xs-12 pt-cv-content-item pt-cv-1-col\" ><div class='pt-cv-ifield'><a href=\"https:\/\/www.dmsjuridica.com\/buscador_20179478954\/corteconstitucionalcronologico202454587\/t-692-05\/\" class=\"_self pt-cv-href-thumbnail pt-cv-thumb-default\" target=\"_self\" ><\/a>\n<div class=\"pt-cv-taxoterm above_title\"><a href='https:\/\/www.dmsjuridica.com\/buscador_20179478954\/corteconstitucionalcronologico202454587\/category\/buscar-en-toda-la-corte\/2005\/tutelas-2005\/' title='Tutelas 2005' class='pt-cv-tax-tutelas-2005'>Tutelas 2005<\/a><\/div>\n<h4 class=\"pt-cv-title\"><a href=\"https:\/\/www.dmsjuridica.com\/buscador_20179478954\/corteconstitucionalcronologico202454587\/t-692-05\/\" class=\"_self\" target=\"_self\" >T-692-05<\/a><\/h4>\n<div class=\"pt-cv-content\">\u00a0 \u00a0 Sentencia T-692\/05 \u00a0 ACCION DE TUTELA CONTRA PROVIDENCIAS JUDICIALES-Procedencia excepcional \u00a0 ACCION DE TUTELA CONTRA PROVIDENCIAS JUDICIALES-Requisitos generales y especiales de procedibilidad \u00a0 PROCESO EJECUTIVO HIPOTECARIO-Hip\u00f3tesis jurisprudenciales que dan lugar a la terminaci\u00f3n del proceso\/PROCESO EJECUTIVO HIPOTECARIO-Terminaci\u00f3n del proceso cuando a pesar de la reliquidaci\u00f3n quedan saldos insolutos pero las partes no llegan a un acuerdo\/ACCION DE TUTELA CONTRA PROVIDENCIAS JUDICIALES QUE NEGARON TERMINACION DE PROCESOS HIPOTECARIOS-Procede si se utilizaron los recursos de ley dentro del proceso ejecutivo hipotecario \u00a0 En criterio de la Corte, la terminaci\u00f3n debe operar incluso si existen saldos insolutos y si no se ...<br \/><div class=\"pt-cv-rmwrap\"><a href=\"https:\/\/www.dmsjuridica.com\/buscador_20179478954\/corteconstitucionalcronologico202454587\/t-692-05\/\" class=\"_self pt-cv-readmore btn btn-success\" target=\"_self\">Ver Sentencia Completa...<\/a><\/div><\/div><\/div><\/div>\n<div class=\"col-md-12 col-sm-12 col-xs-12 pt-cv-content-item pt-cv-1-col\" ><div class='pt-cv-ifield'><a href=\"https:\/\/www.dmsjuridica.com\/buscador_20179478954\/corteconstitucionalcronologico202454587\/t-691-05\/\" class=\"_self pt-cv-href-thumbnail pt-cv-thumb-default\" target=\"_self\" ><\/a>\n<div class=\"pt-cv-taxoterm above_title\"><a href='https:\/\/www.dmsjuridica.com\/buscador_20179478954\/corteconstitucionalcronologico202454587\/category\/buscar-en-toda-la-corte\/2005\/tutelas-2005\/' title='Tutelas 2005' class='pt-cv-tax-tutelas-2005'>Tutelas 2005<\/a><\/div>\n<h4 class=\"pt-cv-title\"><a href=\"https:\/\/www.dmsjuridica.com\/buscador_20179478954\/corteconstitucionalcronologico202454587\/t-691-05\/\" class=\"_self\" target=\"_self\" >T-691-05<\/a><\/h4>\n<div class=\"pt-cv-content\">\u00a0 \u00a0 Sentencia T-691\/05 \u00a0 ACCION DE TUTELA PARA RECONOCIMIENTO DE PENSION DE SOBREVIVIENTES-Improcedencia por no haberse demostrado perjuicio irremediable\u00a0 \u00a0 ACCION DE TUTELA-Persona de la tercera edad debe demostrar perjuicio irremediable \u00a0 Referencia: expediente T-1050548 \u00a0 Acci\u00f3n de tutela interpuesta por Mario Daniel P\u00e9rez contra el Seguro Social. \u00a0 Magistrado Ponente: \u00a0 Dr. JAIME C\u00d3RDOBA TRIVI\u00d1O \u00a0 Bogot\u00e1, D.C., primero (1\u00ba) de julio de dos mil cinco (2005). \u00a0 SENTENCIA \u00a0 dentro del proceso de revisi\u00f3n de los fallos dictados por el Juzgado Once Laboral del Circuito de Bogot\u00e1 D.C. y por la Sala Laboral del Tribunal Superior de ...<br \/><div class=\"pt-cv-rmwrap\"><a href=\"https:\/\/www.dmsjuridica.com\/buscador_20179478954\/corteconstitucionalcronologico202454587\/t-691-05\/\" class=\"_self pt-cv-readmore btn btn-success\" target=\"_self\">Ver Sentencia Completa...<\/a><\/div><\/div><\/div><\/div>\n<div class=\"col-md-12 col-sm-12 col-xs-12 pt-cv-content-item pt-cv-1-col\" ><div class='pt-cv-ifield'><a href=\"https:\/\/www.dmsjuridica.com\/buscador_20179478954\/corteconstitucionalcronologico202454587\/t-690-05\/\" class=\"_self pt-cv-href-thumbnail pt-cv-thumb-default\" target=\"_self\" ><\/a>\n<div class=\"pt-cv-taxoterm above_title\"><a href='https:\/\/www.dmsjuridica.com\/buscador_20179478954\/corteconstitucionalcronologico202454587\/category\/buscar-en-toda-la-corte\/2005\/tutelas-2005\/' title='Tutelas 2005' class='pt-cv-tax-tutelas-2005'>Tutelas 2005<\/a><\/div>\n<h4 class=\"pt-cv-title\"><a href=\"https:\/\/www.dmsjuridica.com\/buscador_20179478954\/corteconstitucionalcronologico202454587\/t-690-05\/\" class=\"_self\" target=\"_self\" >T-690-05<\/a><\/h4>\n<div class=\"pt-cv-content\">\u00a0 \u00a0 Sentencia T-690\/05 \u00a0 ACCION DE TUTELA CONTRA PROVIDENCIAS JUDICIALES-Improcedente por desconocimiento de la inmediatez\u00a0 \u00a0 Referencia: expediente T-1068716 \u00a0 Accionante: Jos\u00e9 David Le\u00f3n Berm\u00fadez. \u00a0 Demandados: Juzgado Diecisiete Laboral del Circuito de Bogot\u00e1 y Sala Laboral del Tribunal Superior del Distrito Judicial de Bogot\u00e1. \u00a0 \u00a0 Magistrado Ponente:\u00a0 \u00a0 Dr. RODRIGO ESCOBAR GIL \u00a0 Bogot\u00e1, D.C., treinta (30) de junio de dos mil cinco (2005). \u00a0 La Sala Quinta de Revisi\u00f3n de la Corte Constitucional, integrada por los Magistrados Rodrigo Escobar Gil, Marco Gerardo Monroy Cabra y Humberto Antonio Sierra Porto, en ejercicio de sus competencias constitucionales y ...<br \/><div class=\"pt-cv-rmwrap\"><a href=\"https:\/\/www.dmsjuridica.com\/buscador_20179478954\/corteconstitucionalcronologico202454587\/t-690-05\/\" class=\"_self pt-cv-readmore btn btn-success\" target=\"_self\">Ver Sentencia Completa...<\/a><\/div><\/div><\/div><\/div>\n<div class=\"col-md-12 col-sm-12 col-xs-12 pt-cv-content-item pt-cv-1-col\" ><div class='pt-cv-ifield'><a href=\"https:\/\/www.dmsjuridica.com\/buscador_20179478954\/corteconstitucionalcronologico202454587\/t-689-05\/\" class=\"_self pt-cv-href-thumbnail pt-cv-thumb-default\" target=\"_self\" ><\/a>\n<div class=\"pt-cv-taxoterm above_title\"><a href='https:\/\/www.dmsjuridica.com\/buscador_20179478954\/corteconstitucionalcronologico202454587\/category\/buscar-en-toda-la-corte\/2005\/tutelas-2005\/' title='Tutelas 2005' class='pt-cv-tax-tutelas-2005'>Tutelas 2005<\/a><\/div>\n<h4 class=\"pt-cv-title\"><a href=\"https:\/\/www.dmsjuridica.com\/buscador_20179478954\/corteconstitucionalcronologico202454587\/t-689-05\/\" class=\"_self\" target=\"_self\" >T-689-05<\/a><\/h4>\n<div class=\"pt-cv-content\">\u00a0 \u00a0 Sentencia T-689\/05 \u00a0 DERECHO A LA EDUCACION-Libertad de escoger profesi\u00f3n u oficio\/DERECHO A LA EDUCACION-Libre desarrollo de la personalidad\u00a0 \u00a0 DERECHO A LA EDUCACION-Deber estatal de proveer mecanismos financieros que faciliten el acceso a la educaci\u00f3n superior\u00a0 \u00a0 El art\u00edculo 69 de la Constituci\u00f3n que hace parte del cap\u00edtulo de los derechos econ\u00f3micos, sociales y culturales, se refiere fundamentalmente a tres temas centrales: (i) el principio de la autonom\u00eda universitaria; (ii) la obligaci\u00f3n estatal de promover la investigaci\u00f3n y el desarrollo cient\u00edfico en las instituciones oficiales y privadas; y finalmente, \u00a0(iii) la obligaci\u00f3n estatal de facilitar mecanismos financieros ...<br \/><div class=\"pt-cv-rmwrap\"><a href=\"https:\/\/www.dmsjuridica.com\/buscador_20179478954\/corteconstitucionalcronologico202454587\/t-689-05\/\" class=\"_self pt-cv-readmore btn btn-success\" target=\"_self\">Ver Sentencia Completa...<\/a><\/div><\/div><\/div><\/div>\n<div class=\"col-md-12 col-sm-12 col-xs-12 pt-cv-content-item pt-cv-1-col\" ><div class='pt-cv-ifield'><a href=\"https:\/\/www.dmsjuridica.com\/buscador_20179478954\/corteconstitucionalcronologico202454587\/t-688-05\/\" class=\"_self pt-cv-href-thumbnail pt-cv-thumb-default\" target=\"_self\" ><\/a>\n<div class=\"pt-cv-taxoterm above_title\"><a href='https:\/\/www.dmsjuridica.com\/buscador_20179478954\/corteconstitucionalcronologico202454587\/category\/buscar-en-toda-la-corte\/2005\/tutelas-2005\/' title='Tutelas 2005' class='pt-cv-tax-tutelas-2005'>Tutelas 2005<\/a><\/div>\n<h4 class=\"pt-cv-title\"><a href=\"https:\/\/www.dmsjuridica.com\/buscador_20179478954\/corteconstitucionalcronologico202454587\/t-688-05\/\" class=\"_self\" target=\"_self\" >T-688-05<\/a><\/h4>\n<div class=\"pt-cv-content\">\u00a0 \u00a0 Sentencia T-688\/05 \u00a0 MANUAL DE CONVIVENCIA-No puede vulnerar derechos constitucionales\u00a0 \u00a0 MANUAL DE CONVIVENCIA-Inaplicaci\u00f3n por ser contrario a la CP \u00a0 DERECHO AL LIBRE DESARROLLO DE LA PERSONALIDAD-Vulneraci\u00f3n al exigir transferencia a jornada nocturna de estudiantes embarazadas, casados o convivientes\u00a0 \u00a0 Referencia: expediente T-1065793 \u00a0 Peticionario: Diego Jair Ruiz Ortiz \u00a0 Entidad accionada: \u00a0 Instituci\u00f3n Educativa Sofonias Yacup de La Tola, Nari\u00f1o \u00a0 Magistrado Ponente: \u00a0 Dr. RODRIGO ESCOBAR GIL \u00a0 Bogot\u00e1, D. C., \u00a0treinta (30) de junio de dos mil cinco (2005). \u00a0 La Sala Quinta de Revisi\u00f3n de la Corte Constitucional, integrada por los Magistrados Rodrigo ...<br \/><div class=\"pt-cv-rmwrap\"><a href=\"https:\/\/www.dmsjuridica.com\/buscador_20179478954\/corteconstitucionalcronologico202454587\/t-688-05\/\" class=\"_self pt-cv-readmore btn btn-success\" target=\"_self\">Ver Sentencia Completa...<\/a><\/div><\/div><\/div><\/div>\n<div class=\"col-md-12 col-sm-12 col-xs-12 pt-cv-content-item pt-cv-1-col\" ><div class='pt-cv-ifield'><a href=\"https:\/\/www.dmsjuridica.com\/buscador_20179478954\/corteconstitucionalcronologico202454587\/t-687-05\/\" class=\"_self pt-cv-href-thumbnail pt-cv-thumb-default\" target=\"_self\" ><\/a>\n<div class=\"pt-cv-taxoterm above_title\"><a href='https:\/\/www.dmsjuridica.com\/buscador_20179478954\/corteconstitucionalcronologico202454587\/category\/buscar-en-toda-la-corte\/2005\/tutelas-2005\/' title='Tutelas 2005' class='pt-cv-tax-tutelas-2005'>Tutelas 2005<\/a><\/div>\n<h4 class=\"pt-cv-title\"><a href=\"https:\/\/www.dmsjuridica.com\/buscador_20179478954\/corteconstitucionalcronologico202454587\/t-687-05\/\" class=\"_self\" target=\"_self\" >T-687-05<\/a><\/h4>\n<div class=\"pt-cv-content\">\u00a0 \u00a0 Sentencia T-687\/05 \u00a0 REGIMEN SUBSIDIADO DE SEGURIDAD SOCIAL EN SALUD-Finalidad \u00a0 REGIMEN SUBSIDIADO DE SEGURIDAD SOCIAL EN SALUD- Atenci\u00f3n en caso de traslado de residencia a otro municipio \u00a0 REGIMEN SUBSIDIADO DE SEGURIDAD SOCIAL EN SALUD-Municipio receptor o ARS deben prestar la atenci\u00f3n m\u00e9dica en caso de cambio de domicilio y repetir contra el FOSYGA\u00a0 \u00a0 La persona que traslada su residencia hacia otro municipio diferente al del lugar que se afili\u00f3, podr\u00e1 acudir, bien ante el municipio receptor con el fin de ser atendida a trav\u00e9s de su red p\u00fablica o ante la ARS en la cual ...<br \/><div class=\"pt-cv-rmwrap\"><a href=\"https:\/\/www.dmsjuridica.com\/buscador_20179478954\/corteconstitucionalcronologico202454587\/t-687-05\/\" class=\"_self pt-cv-readmore btn btn-success\" target=\"_self\">Ver Sentencia Completa...<\/a><\/div><\/div><\/div><\/div>\n<div class=\"col-md-12 col-sm-12 col-xs-12 pt-cv-content-item pt-cv-1-col\" ><div class='pt-cv-ifield'><a href=\"https:\/\/www.dmsjuridica.com\/buscador_20179478954\/corteconstitucionalcronologico202454587\/t-686-05\/\" class=\"_self pt-cv-href-thumbnail pt-cv-thumb-default\" target=\"_self\" ><\/a>\n<div class=\"pt-cv-taxoterm above_title\"><a href='https:\/\/www.dmsjuridica.com\/buscador_20179478954\/corteconstitucionalcronologico202454587\/category\/buscar-en-toda-la-corte\/2005\/tutelas-2005\/' title='Tutelas 2005' class='pt-cv-tax-tutelas-2005'>Tutelas 2005<\/a><\/div>\n<h4 class=\"pt-cv-title\"><a href=\"https:\/\/www.dmsjuridica.com\/buscador_20179478954\/corteconstitucionalcronologico202454587\/t-686-05\/\" class=\"_self\" target=\"_self\" >T-686-05<\/a><\/h4>\n<div class=\"pt-cv-content\">\u00a0 \u00a0 Sentencia T-686\/05 \u00a0 ACCION DE TUTELA-Procedencia por inexistencia de mecanismos ordinarios de protecci\u00f3n inmediata eficaces \u00a0 DERECHO A LA VIDA-Protecci\u00f3n especial de personero amenazado \u00a0 DERECHO A LA SEGURIDAD PERSONAL-Concepto \u00a0 DERECHO A LA VIDA-Protecci\u00f3n por el Estado\u00a0 \u00a0 DERECHO A LA SEGURIDAD PERSONAL-Riesgos especiales que deben asumir los ciudadanos\u00a0 \u00a0 En ciertos casos se exige como carga ciudadana fundada en el principio de solidaridad social, que las personas asuman ciertos riesgos especiales, por fuera de los m\u00ednimos u ordinarios que se predican para toda la comunidad. Dichos riesgos por lo general tienen su origen en dos tipos ...<br \/><div class=\"pt-cv-rmwrap\"><a href=\"https:\/\/www.dmsjuridica.com\/buscador_20179478954\/corteconstitucionalcronologico202454587\/t-686-05\/\" class=\"_self pt-cv-readmore btn btn-success\" target=\"_self\">Ver Sentencia Completa...<\/a><\/div><\/div><\/div><\/div>\n<div class=\"col-md-12 col-sm-12 col-xs-12 pt-cv-content-item pt-cv-1-col\" ><div class='pt-cv-ifield'><a href=\"https:\/\/www.dmsjuridica.com\/buscador_20179478954\/corteconstitucionalcronologico202454587\/t-685-05\/\" class=\"_self pt-cv-href-thumbnail pt-cv-thumb-default\" target=\"_self\" ><\/a>\n<div class=\"pt-cv-taxoterm above_title\"><a href='https:\/\/www.dmsjuridica.com\/buscador_20179478954\/corteconstitucionalcronologico202454587\/category\/buscar-en-toda-la-corte\/2005\/tutelas-2005\/' title='Tutelas 2005' class='pt-cv-tax-tutelas-2005'>Tutelas 2005<\/a><\/div>\n<h4 class=\"pt-cv-title\"><a href=\"https:\/\/www.dmsjuridica.com\/buscador_20179478954\/corteconstitucionalcronologico202454587\/t-685-05\/\" class=\"_self\" target=\"_self\" >T-685-05<\/a><\/h4>\n<div class=\"pt-cv-content\">\u00a0 \u00a0 Sentencia T-685\/05 \u00a0 ACCION DE TUTELA-Mecanismo subsidiario\/ACCION DE TUTELA-Improcedencia para ordenar reconocimiento de pensiones\u00a0 \u00a0 ACCION DE TUTELA-Procedencia como mecanismo transitorio para evitar un perjuicio irremediable \u00a0 DERECHO A LA VIDA DIGNA-Personas en circunstancias de debilidad manifiesta\/ACCION DE TUTELA-Situaci\u00f3n precaria de la madre conlleva reconocimiento de sustituci\u00f3n pensional \u00a0 Referencia: expediente T-1105173 \u00a0 Demandante: Hermilda Guti\u00e9rrez de Quintero \u00a0 Procedencia: Juzgado 22 Penal del Circuito de Medell\u00edn \u00a0 Magistrado Ponente: \u00a0 Dr. MARCO GERARDO MONROY CABRA \u00a0 Bogot\u00e1 D.C., treinta (30) de junio de dos mil cinco (2005) \u00a0 La Sala Sexta de Revisi\u00f3n de tutelas de la ...<br \/><div class=\"pt-cv-rmwrap\"><a href=\"https:\/\/www.dmsjuridica.com\/buscador_20179478954\/corteconstitucionalcronologico202454587\/t-685-05\/\" class=\"_self pt-cv-readmore btn btn-success\" target=\"_self\">Ver Sentencia Completa...<\/a><\/div><\/div><\/div><\/div>\n<div class=\"col-md-12 col-sm-12 col-xs-12 pt-cv-content-item pt-cv-1-col\" ><div class='pt-cv-ifield'><a href=\"https:\/\/www.dmsjuridica.com\/buscador_20179478954\/corteconstitucionalcronologico202454587\/t-684-05\/\" class=\"_self pt-cv-href-thumbnail pt-cv-thumb-default\" target=\"_self\" ><\/a>\n<div class=\"pt-cv-taxoterm above_title\"><a href='https:\/\/www.dmsjuridica.com\/buscador_20179478954\/corteconstitucionalcronologico202454587\/category\/buscar-en-toda-la-corte\/2005\/tutelas-2005\/' title='Tutelas 2005' class='pt-cv-tax-tutelas-2005'>Tutelas 2005<\/a><\/div>\n<h4 class=\"pt-cv-title\"><a href=\"https:\/\/www.dmsjuridica.com\/buscador_20179478954\/corteconstitucionalcronologico202454587\/t-684-05\/\" class=\"_self\" target=\"_self\" >T-684-05<\/a><\/h4>\n<div class=\"pt-cv-content\">\u00a0 \u00a0 Sentencia T-684\/05 \u00a0 DERECHOS DEL INTERNO-Deber del estado de garantizarlos\u00a0 \u00a0 ESTABLECIMIENTO CARCELARIO-Deber de protecci\u00f3n derechos de los reclusos \u00a0 PRINCIPIO DE DIGNIDAD HUMANA-Naturaleza \u00a0 AISLAMIENTO DEL INTERNO-Alcance y l\u00edmite \u00a0 AISLAMIENTO DEL INTERNO-Adecuaciones f\u00edsicas necesarias de celdas\/AISLAMIENTO DEL INTERNO-Incomunicaci\u00f3n atenta contra la dignidad humana\/AISLAMIENTO DEL INTERNO-Deber de respetar el debido proceso\u00a0 \u00a0 DEBIDO PROCESO-Vulneraci\u00f3n por sancionar dos veces el mismo hecho\/DERECHO A LA DIGNIDAD HUMANA E IGUALDAD DEL INTERNO-Vulneraci\u00f3n por trato degradante \u00a0 Tal como lo observ\u00f3 el juez de primera instancia, el accionante efectivamente result\u00f3: (i) sancionado dos veces por un solo hecho, violaci\u00f3n clara del ...<br \/><div class=\"pt-cv-rmwrap\"><a href=\"https:\/\/www.dmsjuridica.com\/buscador_20179478954\/corteconstitucionalcronologico202454587\/t-684-05\/\" class=\"_self pt-cv-readmore btn btn-success\" target=\"_self\">Ver Sentencia Completa...<\/a><\/div><\/div><\/div><\/div>\n<div class=\"col-md-12 col-sm-12 col-xs-12 pt-cv-content-item pt-cv-1-col\" ><div class='pt-cv-ifield'><a href=\"https:\/\/www.dmsjuridica.com\/buscador_20179478954\/corteconstitucionalcronologico202454587\/t-683-05\/\" class=\"_self pt-cv-href-thumbnail pt-cv-thumb-default\" target=\"_self\" ><\/a>\n<div class=\"pt-cv-taxoterm above_title\"><a href='https:\/\/www.dmsjuridica.com\/buscador_20179478954\/corteconstitucionalcronologico202454587\/category\/buscar-en-toda-la-corte\/2005\/tutelas-2005\/' title='Tutelas 2005' class='pt-cv-tax-tutelas-2005'>Tutelas 2005<\/a><\/div>\n<h4 class=\"pt-cv-title\"><a href=\"https:\/\/www.dmsjuridica.com\/buscador_20179478954\/corteconstitucionalcronologico202454587\/t-683-05\/\" class=\"_self\" target=\"_self\" >T-683-05<\/a><\/h4>\n<div class=\"pt-cv-content\">\u00a0 \u00a0 Sentencia T-683\/05 \u00a0 DEBER DE COLABORACION CON LA ADMINISTRACION DE JUSTICIA-Caracter\u00edsticas \u00a0 El deber constitucional de colaboraci\u00f3n para el buen funcionamiento de la administraci\u00f3n de justicia tiene las siguientes caracter\u00edsticas: (i) se trata de un deber positivo consagrado en la Carta Constitucional; (ii) es universal, ya que vincula a todos los individuos sometidos al ordenamiento jur\u00eddico nacional; (iii) es un deber no retribuido, pues no supone recompensas por parte del Estado; y, (iv) este deber se deriva de la obligaci\u00f3n de organizaci\u00f3n del poder y de la defensa de las libertades ciudadanas. \u00a0 DERECHO A LA SEGURIDAD-Como valor ...<br \/><div class=\"pt-cv-rmwrap\"><a href=\"https:\/\/www.dmsjuridica.com\/buscador_20179478954\/corteconstitucionalcronologico202454587\/t-683-05\/\" class=\"_self pt-cv-readmore btn btn-success\" target=\"_self\">Ver Sentencia Completa...<\/a><\/div><\/div><\/div><\/div>\n<div class=\"col-md-12 col-sm-12 col-xs-12 pt-cv-content-item pt-cv-1-col\" ><div class='pt-cv-ifield'><a href=\"https:\/\/www.dmsjuridica.com\/buscador_20179478954\/corteconstitucionalcronologico202454587\/t-682-05\/\" class=\"_self pt-cv-href-thumbnail pt-cv-thumb-default\" target=\"_self\" ><\/a>\n<div class=\"pt-cv-taxoterm above_title\"><a href='https:\/\/www.dmsjuridica.com\/buscador_20179478954\/corteconstitucionalcronologico202454587\/category\/buscar-en-toda-la-corte\/2005\/tutelas-2005\/' title='Tutelas 2005' class='pt-cv-tax-tutelas-2005'>Tutelas 2005<\/a><\/div>\n<h4 class=\"pt-cv-title\"><a href=\"https:\/\/www.dmsjuridica.com\/buscador_20179478954\/corteconstitucionalcronologico202454587\/t-682-05\/\" class=\"_self\" target=\"_self\" >T-682-05<\/a><\/h4>\n<div class=\"pt-cv-content\">\u00a0 \u00a0 Sentencia T-682\/05 \u00a0 MUJER EMBARAZADA-Protecci\u00f3n constitucional especial \u00a0 LICENCIA DE MATERNIDAD-Procedencia excepcional de tutela para el pago\/LICENCIA DE MATERNIDAD-Pago por tutela cuando afecta el m\u00ednimo vital de la madre y su hijo \u00a0 LICENCIA DE MATERNIDAD-Asunci\u00f3n de patrono por mora en aportes a EPS \u00a0 LICENCIA DE MATERNIDAD-Pago por allanamiento a la mora por EPS \u00a0 -Reiteraci\u00f3n de Jurisprudencia- \u00a0 Referencia: expediente T-1105716 \u00a0 Acci\u00f3n de tutela instaurada por a se\u00f1ora Orlyn Tatiana Cantillo C\u00e1ceres contra el Instituto del Seguro Social Seccional Cesar.\u00a0 \u00a0 Magistrado Ponente:\u00a0 \u00a0 Dr. HUMBERTO ANTONIO SIERRA PORTO. \u00a0 Bogot\u00e1, D.C., treinta (30) de ...<br \/><div class=\"pt-cv-rmwrap\"><a href=\"https:\/\/www.dmsjuridica.com\/buscador_20179478954\/corteconstitucionalcronologico202454587\/t-682-05\/\" class=\"_self pt-cv-readmore btn btn-success\" target=\"_self\">Ver Sentencia Completa...<\/a><\/div><\/div><\/div><\/div>\n<div class=\"col-md-12 col-sm-12 col-xs-12 pt-cv-content-item pt-cv-1-col\" ><div class='pt-cv-ifield'><a href=\"https:\/\/www.dmsjuridica.com\/buscador_20179478954\/corteconstitucionalcronologico202454587\/t-681-05\/\" class=\"_self pt-cv-href-thumbnail pt-cv-thumb-default\" target=\"_self\" ><\/a>\n<div class=\"pt-cv-taxoterm above_title\"><a href='https:\/\/www.dmsjuridica.com\/buscador_20179478954\/corteconstitucionalcronologico202454587\/category\/buscar-en-toda-la-corte\/2005\/tutelas-2005\/' title='Tutelas 2005' class='pt-cv-tax-tutelas-2005'>Tutelas 2005<\/a><\/div>\n<h4 class=\"pt-cv-title\"><a href=\"https:\/\/www.dmsjuridica.com\/buscador_20179478954\/corteconstitucionalcronologico202454587\/t-681-05\/\" class=\"_self\" target=\"_self\" >T-681-05<\/a><\/h4>\n<div class=\"pt-cv-content\">\u00a0 \u00a0 Sentencia T-681\/05 \u00a0 ACCION DE TUTELA PARA EL PAGO DE LICENCIA DE MATERNIDAD-Improcedencia por no cumplir con los periodos m\u00ednimos de cotizaci\u00f3n \u00a0 Referencia: expediente T-1103284 \u00a0 Acci\u00f3n de tutela instaurada por la se\u00f1ora Mar\u00eda Teresa Benavides Duarte contra COMPENSAR EPS.\u00a0 \u00a0 Magistrado Ponente:\u00a0 \u00a0 Dr. HUMBERTO ANTONIO SIERRA PORTO. \u00a0 Bogot\u00e1, D.C., treinta (30) de junio de dos mil cinco (2005). \u00a0 La Sala S\u00e9ptima de Revisi\u00f3n de la Corte Constitucional, integrada por los magistrados Clara In\u00e9s Vargas Hern\u00e1ndez, Alvaro Tafur Galvis y Humberto Antonio Sierra Porto, quien la preside, en ejercicio de sus competencias constitucionales y ...<br \/><div class=\"pt-cv-rmwrap\"><a href=\"https:\/\/www.dmsjuridica.com\/buscador_20179478954\/corteconstitucionalcronologico202454587\/t-681-05\/\" class=\"_self pt-cv-readmore btn btn-success\" target=\"_self\">Ver Sentencia Completa...<\/a><\/div><\/div><\/div><\/div>\n<div class=\"col-md-12 col-sm-12 col-xs-12 pt-cv-content-item pt-cv-1-col\" ><div class='pt-cv-ifield'><a href=\"https:\/\/www.dmsjuridica.com\/buscador_20179478954\/corteconstitucionalcronologico202454587\/t-680-05\/\" class=\"_self pt-cv-href-thumbnail pt-cv-thumb-default\" target=\"_self\" ><\/a>\n<div class=\"pt-cv-taxoterm above_title\"><a href='https:\/\/www.dmsjuridica.com\/buscador_20179478954\/corteconstitucionalcronologico202454587\/category\/buscar-en-toda-la-corte\/2005\/tutelas-2005\/' title='Tutelas 2005' class='pt-cv-tax-tutelas-2005'>Tutelas 2005<\/a><\/div>\n<h4 class=\"pt-cv-title\"><a href=\"https:\/\/www.dmsjuridica.com\/buscador_20179478954\/corteconstitucionalcronologico202454587\/t-680-05\/\" class=\"_self\" target=\"_self\" >T-680-05<\/a><\/h4>\n<div class=\"pt-cv-content\">\u00a0 \u00a0 Sentencia T-680\/05 \u00a0 LICENCIA DE MATERNIDAD-Aplicaci\u00f3n de norma vigente al momento de afiliaci\u00f3n a EPS \u00a0 ACCION DE TUTELA PARA EL PAGO DE LICENCIA DE MATERNIDAD-Negada por no cumplir con los periodos m\u00ednimos de cotizaci\u00f3n \u00a0 -Reiteraci\u00f3n de Jurisprudencia- \u00a0 Referencia: expediente T-1089820 \u00a0 Acci\u00f3n de tutela instaurada por la se\u00f1ora Betty Catalina Rodr\u00edguez Navarro contra SALUD TOTAL EPS.\u00a0 \u00a0 Magistrado Ponente:\u00a0 \u00a0 Dr. HUMBERTO ANTONIO SIERRA PORTO. \u00a0 La Sala S\u00e9ptima de Revisi\u00f3n de la Corte Constitucional, integrada por los magistrados Clara In\u00e9s Vargas Hern\u00e1ndez, Alvaro Tafur Galvis y Humberto Sierra Porto, quien la preside, en ejercicio ...<br \/><div class=\"pt-cv-rmwrap\"><a href=\"https:\/\/www.dmsjuridica.com\/buscador_20179478954\/corteconstitucionalcronologico202454587\/t-680-05\/\" class=\"_self pt-cv-readmore btn btn-success\" target=\"_self\">Ver Sentencia Completa...<\/a><\/div><\/div><\/div><\/div>\n<div class=\"col-md-12 col-sm-12 col-xs-12 pt-cv-content-item pt-cv-1-col\" ><div class='pt-cv-ifield'><a href=\"https:\/\/www.dmsjuridica.com\/buscador_20179478954\/corteconstitucionalcronologico202454587\/t-679-05\/\" class=\"_self pt-cv-href-thumbnail pt-cv-thumb-default\" target=\"_self\" ><\/a>\n<div class=\"pt-cv-taxoterm above_title\"><a href='https:\/\/www.dmsjuridica.com\/buscador_20179478954\/corteconstitucionalcronologico202454587\/category\/buscar-en-toda-la-corte\/2005\/tutelas-2005\/' title='Tutelas 2005' class='pt-cv-tax-tutelas-2005'>Tutelas 2005<\/a><\/div>\n<h4 class=\"pt-cv-title\"><a href=\"https:\/\/www.dmsjuridica.com\/buscador_20179478954\/corteconstitucionalcronologico202454587\/t-679-05\/\" class=\"_self\" target=\"_self\" >T-679-05<\/a><\/h4>\n<div class=\"pt-cv-content\">\u00a0 \u00a0 Sentencia T-679\/05 \u00a0 DERECHO A LA LIBERTAD DE EXPRESION-Fundamento y requisito indispensable para una democracia participativa\u00a0 \u00a0 LIBERTAD DE EXPRESION E INFORMACION-Car\u00e1cter preferente en la CP \u00a0 COMISION INTERAMERICANA DE DERECHOS HUMANOS-Importancia de la libertad de expresi\u00f3n \u00a0 COMISION INTERAMERICANA DE DERECHOS HUMANOS-Garant\u00eda del derecho de acceso a la informaci\u00f3n\/PACTO INTERNACIONAL DE DERECHO CIVILES Y POLITICOS-Libertad de pensamiento y expresi\u00f3n componentes del derecho de acceso a documentos p\u00fablicos \u00a0 DERECHO A LA LIBERTAD DE EXPRESI\u00d3N-Criterios de la Corte Constitucional tomados de la l\u00ednea argumentativa de la Corte Interamericana de Derechos Humanos para su interpretaci\u00f3n\/DERECHO A LA LIBERTAD DE ...<br \/><div class=\"pt-cv-rmwrap\"><a href=\"https:\/\/www.dmsjuridica.com\/buscador_20179478954\/corteconstitucionalcronologico202454587\/t-679-05\/\" class=\"_self pt-cv-readmore btn btn-success\" target=\"_self\">Ver Sentencia Completa...<\/a><\/div><\/div><\/div><\/div>\n<div class=\"col-md-12 col-sm-12 col-xs-12 pt-cv-content-item pt-cv-1-col\" ><div class='pt-cv-ifield'><a href=\"https:\/\/www.dmsjuridica.com\/buscador_20179478954\/corteconstitucionalcronologico202454587\/t-678-05\/\" class=\"_self pt-cv-href-thumbnail pt-cv-thumb-default\" target=\"_self\" ><\/a>\n<div class=\"pt-cv-taxoterm above_title\"><a href='https:\/\/www.dmsjuridica.com\/buscador_20179478954\/corteconstitucionalcronologico202454587\/category\/buscar-en-toda-la-corte\/2005\/tutelas-2005\/' title='Tutelas 2005' class='pt-cv-tax-tutelas-2005'>Tutelas 2005<\/a><\/div>\n<h4 class=\"pt-cv-title\"><a href=\"https:\/\/www.dmsjuridica.com\/buscador_20179478954\/corteconstitucionalcronologico202454587\/t-678-05\/\" class=\"_self\" target=\"_self\" >T-678-05<\/a><\/h4>\n<div class=\"pt-cv-content\">\u00a0 \u00a0 Sentencia T-678\/05 \u00a0 ACCION DE TUTELA-Procedencia excepcional pago de acreencias laborales\/ACCION DE TUTELA TRANSITORIA-Pago de mesadas pensionales atrasadas \u00a0 DERECHO A LA VIDA EN CONDICIONES DIGNAS Y JUSTAS-Pago oportuno de mesadas pensionales \u00a0 PERSONA DE LA TERCERA EDAD-Protecci\u00f3n especial\/PERSONA DE LA TERCERA EDAD-Vulneraci\u00f3n del m\u00ednimo vital por no pago oportuno de mesada pensional \u00a0 Referencia: expediente T-1065818 \u00a0 Acci\u00f3n de tutela instaurada por Ladi Mimi Tirado de L\u00f3pez contra la Gobernaci\u00f3n de C\u00f3rdoba \u00a0 Magistrado Ponente: \u00a0 Dr. HUMBERTO ANTONIO SIERRA PORTO. \u00a0 Bogot\u00e1 D.C., treinta (30) de junio de dos mil cinco (2005). \u00a0 La Sala S\u00e9ptima ...<br \/><div class=\"pt-cv-rmwrap\"><a href=\"https:\/\/www.dmsjuridica.com\/buscador_20179478954\/corteconstitucionalcronologico202454587\/t-678-05\/\" class=\"_self pt-cv-readmore btn btn-success\" target=\"_self\">Ver Sentencia Completa...<\/a><\/div><\/div><\/div><\/div>\n<div class=\"col-md-12 col-sm-12 col-xs-12 pt-cv-content-item pt-cv-1-col\" ><div class='pt-cv-ifield'><a href=\"https:\/\/www.dmsjuridica.com\/buscador_20179478954\/corteconstitucionalcronologico202454587\/t-677-05\/\" class=\"_self pt-cv-href-thumbnail pt-cv-thumb-default\" target=\"_self\" ><\/a>\n<div class=\"pt-cv-taxoterm above_title\"><a href='https:\/\/www.dmsjuridica.com\/buscador_20179478954\/corteconstitucionalcronologico202454587\/category\/buscar-en-toda-la-corte\/2005\/tutelas-2005\/' title='Tutelas 2005' class='pt-cv-tax-tutelas-2005'>Tutelas 2005<\/a><\/div>\n<h4 class=\"pt-cv-title\"><a href=\"https:\/\/www.dmsjuridica.com\/buscador_20179478954\/corteconstitucionalcronologico202454587\/t-677-05\/\" class=\"_self\" target=\"_self\" >T-677-05<\/a><\/h4>\n<div class=\"pt-cv-content\">\u00a0 \u00a0 Sentencia T-677\/05 \u00a0 ACCION DE TUTELA CONTRA PARTICULARES-Eventos en los que procede \u00a0 DERECHO A LA HONRA Y AL BUEN NOMBRE-Protecci\u00f3n mediante tutela\/DERECHO A LA HONRA Y AL BUEN NOMBRE-Concepto \u00a0 DERECHO A LA HONRA Y AL BUEN NOMBRE-No existi\u00f3 vulneraci\u00f3n por tratarse de difusi\u00f3n de informaci\u00f3n cierta \u00a0 Referencia: expediente T-1065197 \u00a0 Acci\u00f3n de tutela instaurada por Mart\u00edn Emilio Bustamante S\u00e1nchez contra COLCERAMICA S.A. \u00a0 Magistrado Ponente: \u00a0 Dr. HUMBERTO ANTONIO SIERRA PORTO \u00a0 La Sala S\u00e9ptima de Revisi\u00f3n de la Corte Constitucional integrada por los magistrados Clara In\u00e9s Vargas Hern\u00e1ndez, \u00c1lvaro Tafur Galvis y Humberto Antonio ...<br \/><div class=\"pt-cv-rmwrap\"><a href=\"https:\/\/www.dmsjuridica.com\/buscador_20179478954\/corteconstitucionalcronologico202454587\/t-677-05\/\" class=\"_self pt-cv-readmore btn btn-success\" target=\"_self\">Ver Sentencia Completa...<\/a><\/div><\/div><\/div><\/div>\n<div class=\"col-md-12 col-sm-12 col-xs-12 pt-cv-content-item pt-cv-1-col\" ><div class='pt-cv-ifield'><a href=\"https:\/\/www.dmsjuridica.com\/buscador_20179478954\/corteconstitucionalcronologico202454587\/t-676-05\/\" class=\"_self pt-cv-href-thumbnail pt-cv-thumb-default\" target=\"_self\" ><\/a>\n<div class=\"pt-cv-taxoterm above_title\"><a href='https:\/\/www.dmsjuridica.com\/buscador_20179478954\/corteconstitucionalcronologico202454587\/category\/buscar-en-toda-la-corte\/2005\/tutelas-2005\/' title='Tutelas 2005' class='pt-cv-tax-tutelas-2005'>Tutelas 2005<\/a><\/div>\n<h4 class=\"pt-cv-title\"><a href=\"https:\/\/www.dmsjuridica.com\/buscador_20179478954\/corteconstitucionalcronologico202454587\/t-676-05\/\" class=\"_self\" target=\"_self\" >T-676-05<\/a><\/h4>\n<div class=\"pt-cv-content\">\u00a0 \u00a0 Sentencia T-676\/05 \u00a0 SECUESTRADO O DESAPARECIDO-Protecci\u00f3n por la jurisprudencia constitucional\/SECUESTRADO-Derecho de los beneficiarios a recibir el pago de salarios y prestaciones \u00a0 ACCION DE TUTELA EN CASO DE SECUESTRADO-Procedencia excepcional pago de salarios \u00a0 Pese a que por regla general la tutela no es procedente para reclamar los salarios adeudados a una persona desaparecida, por existir un mecanismo id\u00f3neo y eficaz cual es el previsto en la Ley 589 de 2000, si del examen de las circunstancias f\u00e1cticas del caso se despende que existe una amenaza de perjuicio irremediable del derecho al m\u00ednimo vital del entorno familiar que ...<br \/><div class=\"pt-cv-rmwrap\"><a href=\"https:\/\/www.dmsjuridica.com\/buscador_20179478954\/corteconstitucionalcronologico202454587\/t-676-05\/\" class=\"_self pt-cv-readmore btn btn-success\" target=\"_self\">Ver Sentencia Completa...<\/a><\/div><\/div><\/div><\/div>\n<div class=\"col-md-12 col-sm-12 col-xs-12 pt-cv-content-item pt-cv-1-col\" ><div class='pt-cv-ifield'><a href=\"https:\/\/www.dmsjuridica.com\/buscador_20179478954\/corteconstitucionalcronologico202454587\/t-664-05\/\" class=\"_self pt-cv-href-thumbnail pt-cv-thumb-default\" target=\"_self\" ><\/a>\n<div class=\"pt-cv-taxoterm above_title\"><a href='https:\/\/www.dmsjuridica.com\/buscador_20179478954\/corteconstitucionalcronologico202454587\/category\/buscar-en-toda-la-corte\/2005\/tutelas-2005\/' title='Tutelas 2005' class='pt-cv-tax-tutelas-2005'>Tutelas 2005<\/a><\/div>\n<h4 class=\"pt-cv-title\"><a href=\"https:\/\/www.dmsjuridica.com\/buscador_20179478954\/corteconstitucionalcronologico202454587\/t-664-05\/\" class=\"_self\" target=\"_self\" >T-664-05<\/a><\/h4>\n<div class=\"pt-cv-content\">\u00a0 \u00a0 Sentencia T-664\/05 \u00a0 ESTABILIDAD LABORAL DE MADRES CABEZA DE FAMILIA-Protecci\u00f3n especial a trabajadores en condiciones de debilidad manifiesta \u00a0 ACCION DE TUTELA PARA ASEGURAR MEDIDAS DE ESTABILIDAD LABORAL REFORZADA DE MADRES CABEZA DE FAMILIA-Criterios jurisprudenciales para la procedencia del amparo \u00a0 ACCION DE TUTELA PARA ASEGURAR MEDIDAS DE ESTABILIDAD LABORAL REFORZADA DE MADRES CABEZA DE FAMILIA-Alcance de la sentencia SU.388\/05 \u00a0 Referencia: expedientes T-1044845 y T-1044853. \u00a0 Accionantes: Blanca Alicia Rodr\u00edguez Delgado y Mar\u00eda Nancy G\u00f3ngora Moreno. \u00a0 Accionada: Empresa Nacional de Telecomunicaciones -Telecom en Liquidaci\u00f3n-. \u00a0 Magistrado Ponente:\u00a0 \u00a0 Dr. RODRIGO ESCOBAR GIL \u00a0 Bogot\u00e1, D.C., veinticuatro ...<br \/><div class=\"pt-cv-rmwrap\"><a href=\"https:\/\/www.dmsjuridica.com\/buscador_20179478954\/corteconstitucionalcronologico202454587\/t-664-05\/\" class=\"_self pt-cv-readmore btn btn-success\" target=\"_self\">Ver Sentencia Completa...<\/a><\/div><\/div><\/div><\/div>\n<div class=\"col-md-12 col-sm-12 col-xs-12 pt-cv-content-item pt-cv-1-col\" ><div class='pt-cv-ifield'><a href=\"https:\/\/www.dmsjuridica.com\/buscador_20179478954\/corteconstitucionalcronologico202454587\/t-663-05\/\" class=\"_self pt-cv-href-thumbnail pt-cv-thumb-default\" target=\"_self\" ><\/a>\n<div class=\"pt-cv-taxoterm above_title\"><a href='https:\/\/www.dmsjuridica.com\/buscador_20179478954\/corteconstitucionalcronologico202454587\/category\/buscar-en-toda-la-corte\/2005\/tutelas-2005\/' title='Tutelas 2005' class='pt-cv-tax-tutelas-2005'>Tutelas 2005<\/a><\/div>\n<h4 class=\"pt-cv-title\"><a href=\"https:\/\/www.dmsjuridica.com\/buscador_20179478954\/corteconstitucionalcronologico202454587\/t-663-05\/\" class=\"_self\" target=\"_self\" >T-663-05<\/a><\/h4>\n<div class=\"pt-cv-content\">\u00a0 \u00a0 Sentencia T-663\/05 \u00a0 REPRESENTANTE LEGAL-S\u00f3lo registro de nuevo nombramiento lo desvincula de responsabilidad frente a la sociedad \u00a0 AUDIENCIA DE CONCILIACION LABORAL-No puede llevarse a cabo con quien no figura como representante legal en los estatutos debido al car\u00e1cter personal de \u00e9sta \u00a0 Referencia: expediente T-996583 \u00a0 Acci\u00f3n de tutela instaurada por Eleonora Trujillo de Navarro contra el Juzgado Catorce Laboral del Circuito de Bogot\u00e1\u00a0 \u00a0 Magistrado Ponente: \u00a0 Dr. ALVARO TAFUR GALVIS \u00a0 Bogot\u00e1, D. C., veinticuatro (24) de junio de dos mil cinco (2005). \u00a0 La Sala Octava de Revisi\u00f3n de la Corte Constitucional, integrada por ...<br \/><div class=\"pt-cv-rmwrap\"><a href=\"https:\/\/www.dmsjuridica.com\/buscador_20179478954\/corteconstitucionalcronologico202454587\/t-663-05\/\" class=\"_self pt-cv-readmore btn btn-success\" target=\"_self\">Ver Sentencia Completa...<\/a><\/div><\/div><\/div><\/div>\n<div class=\"col-md-12 col-sm-12 col-xs-12 pt-cv-content-item pt-cv-1-col\" ><div class='pt-cv-ifield'><a href=\"https:\/\/www.dmsjuridica.com\/buscador_20179478954\/corteconstitucionalcronologico202454587\/t-662-05\/\" class=\"_self pt-cv-href-thumbnail pt-cv-thumb-default\" target=\"_self\" ><\/a>\n<div class=\"pt-cv-taxoterm above_title\"><a href='https:\/\/www.dmsjuridica.com\/buscador_20179478954\/corteconstitucionalcronologico202454587\/category\/buscar-en-toda-la-corte\/2005\/tutelas-2005\/' title='Tutelas 2005' class='pt-cv-tax-tutelas-2005'>Tutelas 2005<\/a><\/div>\n<h4 class=\"pt-cv-title\"><a href=\"https:\/\/www.dmsjuridica.com\/buscador_20179478954\/corteconstitucionalcronologico202454587\/t-662-05\/\" class=\"_self\" target=\"_self\" >T-662-05<\/a><\/h4>\n<div class=\"pt-cv-content\">\u00a0 \u00a0 Sentencia T-662\/05 \u00a0 ACCION DE TUTELA-Carencia actual de objeto no exime de pronunciamiento de fondo \u00a0 DERECHO DE PETICION EN MATERIA PENSIONAL-T\u00e9rmino de quince d\u00edas para informar estado del tr\u00e1mite o copias de documentos DERECHO DE PETICION EN MATERIA PENSIONAL-T\u00e9rmino de cuatro y seis meses para resolver reconocimiento y pago \u00a0 DERECHO A LA SALUD-No puede obstaculizarse por tr\u00e1mites burocr\u00e1ticos de entidades prestadoras de salud \u00a0 Reiteraci\u00f3n de Jurisprudencia \u00a0 Referencia: expediente T-945088 \u00a0 Acci\u00f3n de tutela instaurada por Yolanda del Carmen De La Barrera Ben\u00edtez contra el Hospital Universitario de Cartagena y contra el Instituto de Seguros ...<br \/><div class=\"pt-cv-rmwrap\"><a href=\"https:\/\/www.dmsjuridica.com\/buscador_20179478954\/corteconstitucionalcronologico202454587\/t-662-05\/\" class=\"_self pt-cv-readmore btn btn-success\" target=\"_self\">Ver Sentencia Completa...<\/a><\/div><\/div><\/div><\/div>\n<div class=\"col-md-12 col-sm-12 col-xs-12 pt-cv-content-item pt-cv-1-col\" ><div class='pt-cv-ifield'><a href=\"https:\/\/www.dmsjuridica.com\/buscador_20179478954\/corteconstitucionalcronologico202454587\/t-661-05\/\" class=\"_self pt-cv-href-thumbnail pt-cv-thumb-default\" target=\"_self\" ><\/a>\n<div class=\"pt-cv-taxoterm above_title\"><a href='https:\/\/www.dmsjuridica.com\/buscador_20179478954\/corteconstitucionalcronologico202454587\/category\/buscar-en-toda-la-corte\/2005\/tutelas-2005\/' title='Tutelas 2005' class='pt-cv-tax-tutelas-2005'>Tutelas 2005<\/a><\/div>\n<h4 class=\"pt-cv-title\"><a href=\"https:\/\/www.dmsjuridica.com\/buscador_20179478954\/corteconstitucionalcronologico202454587\/t-661-05\/\" class=\"_self\" target=\"_self\" >T-661-05<\/a><\/h4>\n<div class=\"pt-cv-content\">\u00a0 \u00a0 Sentencia T-661\/05 \u00a0 RECURSO DE APELACION CONTRA SENTENCIAS-R\u00e9gimen legal no puede modificarse por errores cometidos en secretar\u00eda\/TERMINOS-Desconocimiento implica vulneraci\u00f3n al principio de legalidad\u00a0 \u00a0 DEBIDO PROCESO-No vulneraci\u00f3n al inhibirse de resolver recurso por ser extempor\u00e1nea sustentaci\u00f3n del mismo \u00a0 Referencia: expediente T-1069416 \u00a0 Magistrado Ponente:\u00a0 \u00a0 Dr. JAIME C\u00d3RDOBA TRIVI\u00d1O \u00a0 Bogot\u00e1, D. C., veinticuatro \u00a0(24) \u00a0de junio de dos mil cinco \u00a0(2005). \u00a0 La Sala Cuarta de Revisi\u00f3n de la Corte Constitucional, en ejercicio de sus competencias constitucionales y legales, ha proferido la siguiente \u00a0 SENTENCIA \u00a0 dentro del tr\u00e1mite de revisi\u00f3n de la tutela instaurada por ...<br \/><div class=\"pt-cv-rmwrap\"><a href=\"https:\/\/www.dmsjuridica.com\/buscador_20179478954\/corteconstitucionalcronologico202454587\/t-661-05\/\" class=\"_self pt-cv-readmore btn btn-success\" target=\"_self\">Ver Sentencia Completa...<\/a><\/div><\/div><\/div><\/div>\n<div class=\"col-md-12 col-sm-12 col-xs-12 pt-cv-content-item pt-cv-1-col\" ><div class='pt-cv-ifield'><a href=\"https:\/\/www.dmsjuridica.com\/buscador_20179478954\/corteconstitucionalcronologico202454587\/t-660-05\/\" class=\"_self pt-cv-href-thumbnail pt-cv-thumb-default\" target=\"_self\" ><\/a>\n<div class=\"pt-cv-taxoterm above_title\"><a href='https:\/\/www.dmsjuridica.com\/buscador_20179478954\/corteconstitucionalcronologico202454587\/category\/buscar-en-toda-la-corte\/2005\/tutelas-2005\/' title='Tutelas 2005' class='pt-cv-tax-tutelas-2005'>Tutelas 2005<\/a><\/div>\n<h4 class=\"pt-cv-title\"><a href=\"https:\/\/www.dmsjuridica.com\/buscador_20179478954\/corteconstitucionalcronologico202454587\/t-660-05\/\" class=\"_self\" target=\"_self\" >T-660-05<\/a><\/h4>\n<div class=\"pt-cv-content\">\u00a0 \u00a0 Sentencia T-660\/05 \u00a0 DESVINCULACION EN CARGO DE CARRERA EN PROVISIONALIDAD-Procedencia transitoria de la acci\u00f3n de tutela \u00a0 DEBIDO PROCESO-Vulneraci\u00f3n por no motivarse el acto de insubsistencia de empleada en provisionalidad ocupando cargo de carrera\/DERECHO DE DEFENSA EN ACTO ADMINISTRATIVO-Vulneraci\u00f3n por no motivarse el acto de insubsistencia de empleada en provisionalidad ocupando cargo de carrera \u00a0 Reiteraci\u00f3n de jurisprudencia \u00a0 Referencia: expediente T-1043779 \u00a0 Acci\u00f3n de tutela interpuesta por Mar\u00eda del Pilar Tabares Chac\u00f3n contra la Fiscal\u00eda General de la Naci\u00f3n. \u00a0 Magistrado Ponente: \u00a0 Dr. JAIME C\u00d3RDOBA TRIVI\u00d1O \u00a0 Bogot\u00e1, D.C., veinticuatro (24) de junio de dos mil ...<br \/><div class=\"pt-cv-rmwrap\"><a href=\"https:\/\/www.dmsjuridica.com\/buscador_20179478954\/corteconstitucionalcronologico202454587\/t-660-05\/\" class=\"_self pt-cv-readmore btn btn-success\" target=\"_self\">Ver Sentencia Completa...<\/a><\/div><\/div><\/div><\/div>\n<div class=\"col-md-12 col-sm-12 col-xs-12 pt-cv-content-item pt-cv-1-col\" ><div class='pt-cv-ifield'><a href=\"https:\/\/www.dmsjuridica.com\/buscador_20179478954\/corteconstitucionalcronologico202454587\/t-659-05\/\" class=\"_self pt-cv-href-thumbnail pt-cv-thumb-default\" target=\"_self\" ><\/a>\n<div class=\"pt-cv-taxoterm above_title\"><a href='https:\/\/www.dmsjuridica.com\/buscador_20179478954\/corteconstitucionalcronologico202454587\/category\/buscar-en-toda-la-corte\/2005\/tutelas-2005\/' title='Tutelas 2005' class='pt-cv-tax-tutelas-2005'>Tutelas 2005<\/a><\/div>\n<h4 class=\"pt-cv-title\"><a href=\"https:\/\/www.dmsjuridica.com\/buscador_20179478954\/corteconstitucionalcronologico202454587\/t-659-05\/\" class=\"_self\" target=\"_self\" >T-659-05<\/a><\/h4>\n<div class=\"pt-cv-content\">\u00a0 \u00a0 Sentencia T-659\/05 \u00a0 ACCION DE REVISION-Finalidad \u00a0 DERECHO A LA LIBERTAD INDIVIDUAL-Vulneraci\u00f3n al mantener en prisi\u00f3n a quien no cometi\u00f3 un delito mientras se resuelve la acci\u00f3n de revisi\u00f3n\u00a0 \u00a0 Mantener a una persona privada de su libertad por el tiempo que tarde en resolverse una acci\u00f3n de revisi\u00f3n invocada con fundamento en una sentencia condenatoria proferida por los mismos hechos contra una persona que reconoci\u00f3 ser la responsable exclusiva de \u00e9stos, constituye una medida desproporcionada por cuanto no persigue la consecuci\u00f3n de ning\u00fan fin constitucionalmente leg\u00edtimo. \u00a0 ACCION DE TUTELA TRANSITORIA-Procedencia excepcional para garantizar el ejercicio de ...<br \/><div class=\"pt-cv-rmwrap\"><a href=\"https:\/\/www.dmsjuridica.com\/buscador_20179478954\/corteconstitucionalcronologico202454587\/t-659-05\/\" class=\"_self pt-cv-readmore btn btn-success\" target=\"_self\">Ver Sentencia Completa...<\/a><\/div><\/div><\/div><\/div>\n<div class=\"col-md-12 col-sm-12 col-xs-12 pt-cv-content-item pt-cv-1-col\" ><div class='pt-cv-ifield'><a href=\"https:\/\/www.dmsjuridica.com\/buscador_20179478954\/corteconstitucionalcronologico202454587\/t-658-05\/\" class=\"_self pt-cv-href-thumbnail pt-cv-thumb-default\" target=\"_self\" ><\/a>\n<div class=\"pt-cv-taxoterm above_title\"><a href='https:\/\/www.dmsjuridica.com\/buscador_20179478954\/corteconstitucionalcronologico202454587\/category\/buscar-en-toda-la-corte\/2005\/tutelas-2005\/' title='Tutelas 2005' class='pt-cv-tax-tutelas-2005'>Tutelas 2005<\/a><\/div>\n<h4 class=\"pt-cv-title\"><a href=\"https:\/\/www.dmsjuridica.com\/buscador_20179478954\/corteconstitucionalcronologico202454587\/t-658-05\/\" class=\"_self\" target=\"_self\" >T-658-05<\/a><\/h4>\n<div class=\"pt-cv-content\">\u00a0 \u00a0 Sentencia T-658\/05 \u00a0 ACCION DE TUTELA-Procedencia para cumplimento de fallos judiciales \u00a0 ACCION DE TUTELA CONTRA PROVIDENCIAS JUDICIALES-Procedencia por desconocimiento de sentencias con efectos erga omnes y del precedente\/VIA DE HECHO-Defecto sustantivo\u00a0 \u00a0 VIA DE HECHO-Por no aplicaci\u00f3n de excepci\u00f3n de inconstitucionalidad \u00a0 VIA DE HECHO EN DECISION PROFERIDA EN PROCESO ADMINISTRATIVO-Diferentes situaciones que debe examinar el juez de tutela \u00a0 VIA DE HECHO EN MATERIA PENSIONAL-Eventos que se pueden presentar \u00a0 VACACIONES DE EMPLEADOS PUBLICOS O TRABAJADORES OFICIALES-Reconocimiento\u00a0 \u00a0 VACACIONES-Pago proporcional a la fracci\u00f3n de a\u00f1o laborado a los servidores p\u00fablicos \u00a0 Referencia: expediente T-1067908 \u00a0 Acci\u00f3n ...<br \/><div class=\"pt-cv-rmwrap\"><a href=\"https:\/\/www.dmsjuridica.com\/buscador_20179478954\/corteconstitucionalcronologico202454587\/t-658-05\/\" class=\"_self pt-cv-readmore btn btn-success\" target=\"_self\">Ver Sentencia Completa...<\/a><\/div><\/div><\/div><\/div>\n<div class=\"col-md-12 col-sm-12 col-xs-12 pt-cv-content-item pt-cv-1-col\" ><div class='pt-cv-ifield'><a href=\"https:\/\/www.dmsjuridica.com\/buscador_20179478954\/corteconstitucionalcronologico202454587\/t-657-05\/\" class=\"_self pt-cv-href-thumbnail pt-cv-thumb-default\" target=\"_self\" ><\/a>\n<div class=\"pt-cv-taxoterm above_title\"><a href='https:\/\/www.dmsjuridica.com\/buscador_20179478954\/corteconstitucionalcronologico202454587\/category\/buscar-en-toda-la-corte\/2005\/tutelas-2005\/' title='Tutelas 2005' class='pt-cv-tax-tutelas-2005'>Tutelas 2005<\/a><\/div>\n<h4 class=\"pt-cv-title\"><a href=\"https:\/\/www.dmsjuridica.com\/buscador_20179478954\/corteconstitucionalcronologico202454587\/t-657-05\/\" class=\"_self\" target=\"_self\" >T-657-05<\/a><\/h4>\n<div class=\"pt-cv-content\">\u00a0 \u00a0 Sentencia T-657\/05 \u00a0 DERECHO AL HABEAS DATA-N\u00facleo esencial\/DERECHO AL HABEAS DATA-Afectaci\u00f3n\u00a0 \u00a0 DERECHO A LA INFORMACION-Autorizaci\u00f3n previa del titular no comprende su facultad de autodeterminaci\u00f3n informativa \u00a0 DERECHO A LA AUTODETERMINACION INFORMATIVA-Vulneraci\u00f3n por sociedad inmobiliaria \u00a0 Referencia: expediente T-1067052 \u00a0 Acci\u00f3n de tutela instaurada por Albeiro Cort\u00e9s Lozano y Eddier Antonio Buritica Cardona contra la Sociedad \u201cCompa\u00f1\u00eda de Informaci\u00f3n e Investigaciones S.A.\u201d \u00a0 Magistrada Ponente: \u00a0 Dra. CLARA IN\u00c9S VARGAS HERN\u00c1NDEZ \u00a0 Bogot\u00e1, D.C., veintitr\u00e9s (23) de junio de dos mil cinco (2005). \u00a0 La Sala Novena de Revisi\u00f3n de la Corte Constitucional, integrada por los Magistrados Clara ...<br \/><div class=\"pt-cv-rmwrap\"><a href=\"https:\/\/www.dmsjuridica.com\/buscador_20179478954\/corteconstitucionalcronologico202454587\/t-657-05\/\" class=\"_self pt-cv-readmore btn btn-success\" target=\"_self\">Ver Sentencia Completa...<\/a><\/div><\/div><\/div><\/div>\n<div class=\"col-md-12 col-sm-12 col-xs-12 pt-cv-content-item pt-cv-1-col\" ><div class='pt-cv-ifield'><a href=\"https:\/\/www.dmsjuridica.com\/buscador_20179478954\/corteconstitucionalcronologico202454587\/t-656-05\/\" class=\"_self pt-cv-href-thumbnail pt-cv-thumb-default\" target=\"_self\" ><\/a>\n<div class=\"pt-cv-taxoterm above_title\"><a href='https:\/\/www.dmsjuridica.com\/buscador_20179478954\/corteconstitucionalcronologico202454587\/category\/buscar-en-toda-la-corte\/2005\/tutelas-2005\/' title='Tutelas 2005' class='pt-cv-tax-tutelas-2005'>Tutelas 2005<\/a><\/div>\n<h4 class=\"pt-cv-title\"><a href=\"https:\/\/www.dmsjuridica.com\/buscador_20179478954\/corteconstitucionalcronologico202454587\/t-656-05\/\" class=\"_self\" target=\"_self\" >T-656-05<\/a><\/h4>\n<div class=\"pt-cv-content\">\u00a0 \u00a0 Sentencia T-656\/05 \u00a0 DERECHO A LA SALUD DEL MENOR-Fundamental aut\u00f3nomo \u00a0 DERECHO A LA CONTINUIDAD EN EL SERVICIO DE SALUD-Alcance \u00a0 PRINCIPIO DE CONTINUIDAD POR ENTIDAD PROMOTORA DE SALUD-Tratamiento o medicamento no se pueden suspender cuando se desmejoran las condiciones de una vida digna\u00a0 \u00a0 \u00a0 Referencia: expediente T-1066458 \u00a0 Magistrada Ponente: \u00a0 Dra. CLARA INES VARGAS HERNANDEZ \u00a0 Bogot\u00e1, D. C., \u00a0veintitr\u00e9s (23) de \u00a0junio \u00a0del dos mil cinco (2005) \u00a0 \u00a0 La Sala Novena de Revisi\u00f3n de la Corte Constitucional, integrada por los Magistrados CLARA IN\u00c9S VARGAS HERN\u00c1NDEZ, JAIME ARA\u00daJO RENTER\u00cdA y ALFREDO BELTR\u00c1N SIERRA, en ...<br \/><div class=\"pt-cv-rmwrap\"><a href=\"https:\/\/www.dmsjuridica.com\/buscador_20179478954\/corteconstitucionalcronologico202454587\/t-656-05\/\" class=\"_self pt-cv-readmore btn btn-success\" target=\"_self\">Ver Sentencia Completa...<\/a><\/div><\/div><\/div><\/div>\n<div class=\"col-md-12 col-sm-12 col-xs-12 pt-cv-content-item pt-cv-1-col\" ><div class='pt-cv-ifield'><a href=\"https:\/\/www.dmsjuridica.com\/buscador_20179478954\/corteconstitucionalcronologico202454587\/t-655-05\/\" class=\"_self pt-cv-href-thumbnail pt-cv-thumb-default\" target=\"_self\" ><\/a>\n<div class=\"pt-cv-taxoterm above_title\"><a href='https:\/\/www.dmsjuridica.com\/buscador_20179478954\/corteconstitucionalcronologico202454587\/category\/buscar-en-toda-la-corte\/2005\/tutelas-2005\/' title='Tutelas 2005' class='pt-cv-tax-tutelas-2005'>Tutelas 2005<\/a><\/div>\n<h4 class=\"pt-cv-title\"><a href=\"https:\/\/www.dmsjuridica.com\/buscador_20179478954\/corteconstitucionalcronologico202454587\/t-655-05\/\" class=\"_self\" target=\"_self\" >T-655-05<\/a><\/h4>\n<div class=\"pt-cv-content\">\u00a0 \u00a0 Sentencia T-655\/05 \u00a0 SUPERINTENDENCIA-Funci\u00f3n jurisdiccional excepcional y permanente \u00a0 ACCION DE TUTELA CONTRA SUPERINTENDENCIA-Funci\u00f3n jurisdiccional \u00a0 SUPERINTENDENCIA DE SOCIEDADES-Decisiones jurisdiccionales en tr\u00e1mites concordatarios \u00a0 SUPERINTENDENCIA-Decisiones que afectan derechos fundamentales \u00a0 SUPERINTENDENCIA DE SOCIEDADES-Vulneraci\u00f3n al debido proceso por no incorporar en la liquidaci\u00f3n acreencia laboral debidamente probada \u00a0 La decisi\u00f3n de rechazar la acreencia de la se\u00f1ora Lucano en el Auto que calific\u00f3 y gradu\u00f3 los cr\u00e9ditos no tiene sustento f\u00e1ctico, ya que la Superintendencia conoc\u00eda de la existencia del proceso laboral respectivo desde el inicio de la liquidaci\u00f3n y, si ten\u00eda dudas sobre la existencia o el estado ...<br \/><div class=\"pt-cv-rmwrap\"><a href=\"https:\/\/www.dmsjuridica.com\/buscador_20179478954\/corteconstitucionalcronologico202454587\/t-655-05\/\" class=\"_self pt-cv-readmore btn btn-success\" target=\"_self\">Ver Sentencia Completa...<\/a><\/div><\/div><\/div><\/div>\n<div class=\"col-md-12 col-sm-12 col-xs-12 pt-cv-content-item pt-cv-1-col\" ><div class='pt-cv-ifield'><a href=\"https:\/\/www.dmsjuridica.com\/buscador_20179478954\/corteconstitucionalcronologico202454587\/t-654-05\/\" class=\"_self pt-cv-href-thumbnail pt-cv-thumb-default\" target=\"_self\" ><\/a>\n<div class=\"pt-cv-taxoterm above_title\"><a href='https:\/\/www.dmsjuridica.com\/buscador_20179478954\/corteconstitucionalcronologico202454587\/category\/buscar-en-toda-la-corte\/2005\/tutelas-2005\/' title='Tutelas 2005' class='pt-cv-tax-tutelas-2005'>Tutelas 2005<\/a><\/div>\n<h4 class=\"pt-cv-title\"><a href=\"https:\/\/www.dmsjuridica.com\/buscador_20179478954\/corteconstitucionalcronologico202454587\/t-654-05\/\" class=\"_self\" target=\"_self\" >T-654-05<\/a><\/h4>\n<div class=\"pt-cv-content\">\u00a0 \u00a0 Sentencia T-654\/05 \u00a0 DERECHO A LA SALUD-Fundamental por conexidad con la vida digna \u00a0 INAPLICACION DE NORMAS DEL PLAN OBLIGATORIO DE SALUD-Hip\u00f3tesis f\u00e1cticas que la determinan \u00a0 PRINCIPIO DE CONTINUIDAD EN EL SERVICIO DE SALUD-Finalidad \u00a0 Con el principio de continuidad, se busca garantizar a los titulares del derecho a la atenci\u00f3n en salud que han ingresado al sistema de General de Seguridad Social, la prestaci\u00f3n ininterrumpida, constante y permanente de los servicios, como una garant\u00eda de protecci\u00f3n de sus derechos a la vida y a la salud. El principio de continuidad se materializa entonces en el derecho ...<br \/><div class=\"pt-cv-rmwrap\"><a href=\"https:\/\/www.dmsjuridica.com\/buscador_20179478954\/corteconstitucionalcronologico202454587\/t-654-05\/\" class=\"_self pt-cv-readmore btn btn-success\" target=\"_self\">Ver Sentencia Completa...<\/a><\/div><\/div><\/div><\/div>\n<div class=\"col-md-12 col-sm-12 col-xs-12 pt-cv-content-item pt-cv-1-col\" ><div class='pt-cv-ifield'><a href=\"https:\/\/www.dmsjuridica.com\/buscador_20179478954\/corteconstitucionalcronologico202454587\/t-653-05\/\" class=\"_self pt-cv-href-thumbnail pt-cv-thumb-default\" target=\"_self\" ><\/a>\n<div class=\"pt-cv-taxoterm above_title\"><a href='https:\/\/www.dmsjuridica.com\/buscador_20179478954\/corteconstitucionalcronologico202454587\/category\/buscar-en-toda-la-corte\/2005\/tutelas-2005\/' title='Tutelas 2005' class='pt-cv-tax-tutelas-2005'>Tutelas 2005<\/a><\/div>\n<h4 class=\"pt-cv-title\"><a href=\"https:\/\/www.dmsjuridica.com\/buscador_20179478954\/corteconstitucionalcronologico202454587\/t-653-05\/\" class=\"_self\" target=\"_self\" >T-653-05<\/a><\/h4>\n<div class=\"pt-cv-content\">\u00a0 \u00a0 Sentencia T-653\/05 \u00a0 ACCION DE TUTELA CONTRA PROVIDENCIAS JUDICIALES POR VIA DE HECHO-Procedencia excepcional\u00a0 \u00a0 VIA DE HECHO-Clases de defectos en la actuaci\u00f3n \u00a0 VIA DE HECHO EN PROCESO ARBITRAL-Indebida interpretaci\u00f3n de norma procesal \u00a0 En consecuencia, sin mayor esfuerzo y efectuando una interpretaci\u00f3n sistem\u00e1tica de las normas antes descritas, se llega a la conclusi\u00f3n en este caso que el recurso de anulaci\u00f3n fue interpuesto en forma oportuna, es decir dentro de los cinco (5) d\u00edas siguientes a la notificaci\u00f3n de la providencia que resolvi\u00f3 sobre la aclaraci\u00f3n solicitada y que resulta err\u00f3nea la interpretaci\u00f3n del Tribunal accionado, ...<br \/><div class=\"pt-cv-rmwrap\"><a href=\"https:\/\/www.dmsjuridica.com\/buscador_20179478954\/corteconstitucionalcronologico202454587\/t-653-05\/\" class=\"_self pt-cv-readmore btn btn-success\" target=\"_self\">Ver Sentencia Completa...<\/a><\/div><\/div><\/div><\/div>\n<div class=\"col-md-12 col-sm-12 col-xs-12 pt-cv-content-item pt-cv-1-col\" ><div class='pt-cv-ifield'><a href=\"https:\/\/www.dmsjuridica.com\/buscador_20179478954\/corteconstitucionalcronologico202454587\/t-652-05\/\" class=\"_self pt-cv-href-thumbnail pt-cv-thumb-default\" target=\"_self\" ><\/a>\n<div class=\"pt-cv-taxoterm above_title\"><a href='https:\/\/www.dmsjuridica.com\/buscador_20179478954\/corteconstitucionalcronologico202454587\/category\/buscar-en-toda-la-corte\/2005\/tutelas-2005\/' title='Tutelas 2005' class='pt-cv-tax-tutelas-2005'>Tutelas 2005<\/a><\/div>\n<h4 class=\"pt-cv-title\"><a href=\"https:\/\/www.dmsjuridica.com\/buscador_20179478954\/corteconstitucionalcronologico202454587\/t-652-05\/\" class=\"_self\" target=\"_self\" >T-652-05<\/a><\/h4>\n<div class=\"pt-cv-content\">\u00a0 \u00a0 Sentencia T-652\/05 \u00a0 PRINCIPIO DE LA BUENA FE-Alcance\/ACTO PROPIO-Respeto \u00a0 DERECHO A LA INFORMACION-Redenominaci\u00f3n de cr\u00e9ditos hipotecarios \u00a0 FONDO NACIONAL DEL AHORRO-Deber de informar a usuarios la redenominaci\u00f3n de cr\u00e9ditos hipotecarios \u00a0 FONDO NACIONAL DEL AHORRO-Abuso de posici\u00f3n dominante\/ \u00a0 FONDO NACIONAL DEL AHORRO-Vulneraci\u00f3n de derechos al modificar el cr\u00e9dito de pesos a UVR \u00a0 Reiteraci\u00f3n de Jurisprudencia \u00a0 Referencia: expediente T-1113195 \u00a0 Acci\u00f3n de tutela instaurada por Mar\u00eda Beatriz Plazas Torres contra el Fondo Nacional de Ahorro \u00a0 Magistrado Ponente: \u00a0 Dr. MANUEL JOS\u00c9 CEPEDA ESPINOSA \u00a0 Bogot\u00e1, D.C., veintitr\u00e9s (23) de junio de dos mil cinco ...<br \/><div class=\"pt-cv-rmwrap\"><a href=\"https:\/\/www.dmsjuridica.com\/buscador_20179478954\/corteconstitucionalcronologico202454587\/t-652-05\/\" class=\"_self pt-cv-readmore btn btn-success\" target=\"_self\">Ver Sentencia Completa...<\/a><\/div><\/div><\/div><\/div>\n<div class=\"col-md-12 col-sm-12 col-xs-12 pt-cv-content-item pt-cv-1-col\" ><div class='pt-cv-ifield'><a href=\"https:\/\/www.dmsjuridica.com\/buscador_20179478954\/corteconstitucionalcronologico202454587\/t-651-05\/\" class=\"_self pt-cv-href-thumbnail pt-cv-thumb-default\" target=\"_self\" ><\/a>\n<div class=\"pt-cv-taxoterm above_title\"><a href='https:\/\/www.dmsjuridica.com\/buscador_20179478954\/corteconstitucionalcronologico202454587\/category\/buscar-en-toda-la-corte\/2005\/tutelas-2005\/' title='Tutelas 2005' class='pt-cv-tax-tutelas-2005'>Tutelas 2005<\/a><\/div>\n<h4 class=\"pt-cv-title\"><a href=\"https:\/\/www.dmsjuridica.com\/buscador_20179478954\/corteconstitucionalcronologico202454587\/t-651-05\/\" class=\"_self\" target=\"_self\" >T-651-05<\/a><\/h4>\n<div class=\"pt-cv-content\">\u00a0 \u00a0 Sentencia T-651\/05 \u00a0 DERECHO A LA SALUD-Fundamental por conexidad con la vida digna \u00a0 Reiteraci\u00f3n de Jurisprudencia \u00a0 Referencia: expediente T-1101821\u00a0 \u00a0 Acci\u00f3n de tutela instaurada por Martha Cecilia D\u00edaz de Ort\u00edz contra el Instituto de Seguros Sociales E.P.S.. \u00a0 Magistrado Ponente: \u00a0 Dr. MANUEL JOS\u00c9 CEPEDA ESPINOSA \u00a0 Bogot\u00e1, D.C., veintitr\u00e9s (23) d\u00edas de junio de dos mil cinco (2005). \u00a0 Teniendo en cuenta que el problema jur\u00eddico que suscita la presente acci\u00f3n de tutela ya ha sido objeto de otros pronunciamientos por parte de esta Corporaci\u00f3n, la Sala Tercera de Revisi\u00f3n de la Corte Constitucional decide ...<br \/><div class=\"pt-cv-rmwrap\"><a href=\"https:\/\/www.dmsjuridica.com\/buscador_20179478954\/corteconstitucionalcronologico202454587\/t-651-05\/\" class=\"_self pt-cv-readmore btn btn-success\" target=\"_self\">Ver Sentencia Completa...<\/a><\/div><\/div><\/div><\/div>\n<div class=\"col-md-12 col-sm-12 col-xs-12 pt-cv-content-item pt-cv-1-col\" ><div class='pt-cv-ifield'><a href=\"https:\/\/www.dmsjuridica.com\/buscador_20179478954\/corteconstitucionalcronologico202454587\/t-650-05\/\" class=\"_self pt-cv-href-thumbnail pt-cv-thumb-default\" target=\"_self\" ><\/a>\n<div class=\"pt-cv-taxoterm above_title\"><a href='https:\/\/www.dmsjuridica.com\/buscador_20179478954\/corteconstitucionalcronologico202454587\/category\/buscar-en-toda-la-corte\/2005\/tutelas-2005\/' title='Tutelas 2005' class='pt-cv-tax-tutelas-2005'>Tutelas 2005<\/a><\/div>\n<h4 class=\"pt-cv-title\"><a href=\"https:\/\/www.dmsjuridica.com\/buscador_20179478954\/corteconstitucionalcronologico202454587\/t-650-05\/\" class=\"_self\" target=\"_self\" >T-650-05<\/a><\/h4>\n<div class=\"pt-cv-content\">\u00a0 \u00a0 Sentencia T-650\/05 \u00a0 MADRE CABEZA DE FAMILIA-Presupuestos jurisprudenciales para que una mujer sea considerada como tal\u00a0 \u00a0 ACCIONES AFIRMATIVAS-Protecci\u00f3n especial a las madres cabeza de familia \u00a0 ESTABILIDAD LABORAL DE MADRES CABEZA DE FAMILIA-Protecci\u00f3n especial a trabajadores en condiciones de debilidad manifiesta \u00a0 ACCION DE TUTELA PARA ASEGURAR MEDIDAS DE ESTABILIDAD LABORAL REFORZADA-Criterios jurisprudenciales para la procedencia del amparo\u00a0 \u00a0 MADRE CABEZA DE FAMILIA Y PERSONAS DISCAPACITADAS-Limitaci\u00f3n a la protecci\u00f3n reforzada fijada en la ley 813 de 2003 declarada inconstitucional por la sentencia C-991 de 2004\/PROTECCION CONSTITUCIONAL DE LA MADRE CABEZA DE FAMILIA Y PERSONAS DISCAPACITADAS-Vulneraci\u00f3n por establecerle ...<br \/><div class=\"pt-cv-rmwrap\"><a href=\"https:\/\/www.dmsjuridica.com\/buscador_20179478954\/corteconstitucionalcronologico202454587\/t-650-05\/\" class=\"_self pt-cv-readmore btn btn-success\" target=\"_self\">Ver Sentencia Completa...<\/a><\/div><\/div><\/div><\/div>\n<div class=\"col-md-12 col-sm-12 col-xs-12 pt-cv-content-item pt-cv-1-col\" ><div class='pt-cv-ifield'><a href=\"https:\/\/www.dmsjuridica.com\/buscador_20179478954\/corteconstitucionalcronologico202454587\/t-649-05\/\" class=\"_self pt-cv-href-thumbnail pt-cv-thumb-default\" target=\"_self\" ><\/a>\n<div class=\"pt-cv-taxoterm above_title\"><a href='https:\/\/www.dmsjuridica.com\/buscador_20179478954\/corteconstitucionalcronologico202454587\/category\/buscar-en-toda-la-corte\/2005\/tutelas-2005\/' title='Tutelas 2005' class='pt-cv-tax-tutelas-2005'>Tutelas 2005<\/a><\/div>\n<h4 class=\"pt-cv-title\"><a href=\"https:\/\/www.dmsjuridica.com\/buscador_20179478954\/corteconstitucionalcronologico202454587\/t-649-05\/\" class=\"_self\" target=\"_self\" >T-649-05<\/a><\/h4>\n<div class=\"pt-cv-content\">\u00a0 \u00a0 Sentencia T-649\/05 \u00a0 ACCION DE TUTELA TRANSITORIA-Procedencia excepcional para evitar perjuicio irremediable\/ACCION DE TUTELA TRANSITORIA-Procedencia por afectaci\u00f3n del m\u00ednimo vital \u00a0 DEBIDO PROCESO-Vulneraci\u00f3n por no incluirse dentro de la masa de liquidaci\u00f3n laboral el pago de prestaciones sociales\/DEBIDO PROCESO Y PRINCIPIO DE LEGALIDAD-Vulneraci\u00f3n al darle efectos retroactivos a la declaratoria de inexequibilidad de norma que beneficiaba al trabajador \u00a0 Reiteraci\u00f3n de jurisprudencia \u00a0 Referencia: expediente T-1072733 \u00a0 Acci\u00f3n de tutela instaurada por Adolfo Munera Rinc\u00f3n contra el Departamento Administrativo Distrital del Medio Ambiente de Barranquilla en liquidaci\u00f3n y contra la Superintendencia Distrital de Liquidaciones de Barranquilla. \u00a0 \u00a0 ...<br \/><div class=\"pt-cv-rmwrap\"><a href=\"https:\/\/www.dmsjuridica.com\/buscador_20179478954\/corteconstitucionalcronologico202454587\/t-649-05\/\" class=\"_self pt-cv-readmore btn btn-success\" target=\"_self\">Ver Sentencia Completa...<\/a><\/div><\/div><\/div><\/div>\n<div class=\"col-md-12 col-sm-12 col-xs-12 pt-cv-content-item pt-cv-1-col\" ><div class='pt-cv-ifield'><a href=\"https:\/\/www.dmsjuridica.com\/buscador_20179478954\/corteconstitucionalcronologico202454587\/t-648-05\/\" class=\"_self pt-cv-href-thumbnail pt-cv-thumb-default\" target=\"_self\" ><\/a>\n<div class=\"pt-cv-taxoterm above_title\"><a href='https:\/\/www.dmsjuridica.com\/buscador_20179478954\/corteconstitucionalcronologico202454587\/category\/buscar-en-toda-la-corte\/2005\/tutelas-2005\/' title='Tutelas 2005' class='pt-cv-tax-tutelas-2005'>Tutelas 2005<\/a><\/div>\n<h4 class=\"pt-cv-title\"><a href=\"https:\/\/www.dmsjuridica.com\/buscador_20179478954\/corteconstitucionalcronologico202454587\/t-648-05\/\" class=\"_self\" target=\"_self\" >T-648-05<\/a><\/h4>\n<div class=\"pt-cv-content\">\u00a0 \u00a0 Sentencia T-648\/05 \u00a0 ACCION DE TUTELA TRANSITORIA CONTRA ACTO ADMINISTRATIVO DE DESVINCULACION-Procedencia excepcional para evitar perjuicio irremediable \u00a0 DEBIDO PROCESO-Vulneraci\u00f3n por no motivarse el acto de insubsistencia de empleada en cargo de carrera \u00a0 ACTO ADMINISTRATIVO DE DESVINCULACION-Su no motivaci\u00f3n equivale a que no existe motivo para el despido \u00a0 Reiteraci\u00f3n de Jurisprudencia \u00a0 Referencia: expediente T-1051838 \u00a0 Acci\u00f3n de tutela instaurada por Miriam Mart\u00ednez Palomino contra la Fiscal\u00eda General de la Naci\u00f3n. \u00a0 Magistrado Ponente: \u00a0 Dr. MANUEL JOS\u00c9 CEPEDA ESPINOSA \u00a0 Bogot\u00e1, D.C., veintitr\u00e9s (23) de junio de dos mil cinco (2005) \u00a0 La Sala Tercera ...<br \/><div class=\"pt-cv-rmwrap\"><a href=\"https:\/\/www.dmsjuridica.com\/buscador_20179478954\/corteconstitucionalcronologico202454587\/t-648-05\/\" class=\"_self pt-cv-readmore btn btn-success\" target=\"_self\">Ver Sentencia Completa...<\/a><\/div><\/div><\/div><\/div>\n<div class=\"col-md-12 col-sm-12 col-xs-12 pt-cv-content-item pt-cv-1-col\" ><div class='pt-cv-ifield'><a href=\"https:\/\/www.dmsjuridica.com\/buscador_20179478954\/corteconstitucionalcronologico202454587\/t-647-05\/\" class=\"_self pt-cv-href-thumbnail pt-cv-thumb-default\" target=\"_self\" ><\/a>\n<div class=\"pt-cv-taxoterm above_title\"><a href='https:\/\/www.dmsjuridica.com\/buscador_20179478954\/corteconstitucionalcronologico202454587\/category\/buscar-en-toda-la-corte\/2005\/tutelas-2005\/' title='Tutelas 2005' class='pt-cv-tax-tutelas-2005'>Tutelas 2005<\/a><\/div>\n<h4 class=\"pt-cv-title\"><a href=\"https:\/\/www.dmsjuridica.com\/buscador_20179478954\/corteconstitucionalcronologico202454587\/t-647-05\/\" class=\"_self\" target=\"_self\" >T-647-05<\/a><\/h4>\n<div class=\"pt-cv-content\">\u00a0 \u00a0 Sentencia T-647\/05 \u00a0 RECURSO DE REPOSICION-Auto que lo resuelve no es susceptible de recurso alguno excepto cuando se trate de hechos nuevos \u00a0 Esta Sala de Revisi\u00f3n considera que la tutela s\u00ed es procedente. El inciso tercero del art\u00edculo 348 del C\u00f3digo de Procedimiento Civil establece: \u201cEl auto que decide la reposici\u00f3n no es susceptible de ning\u00fan recurso, salvo que contenga puntos no decididos en el anterior, caso en el cual podr\u00e1n interponerse los recursos pertinentes respecto de los puntos nuevos.\u201d En este caso, el auto del d\u00eda 18 de junio de 2004 resolvi\u00f3 un recurso de reposici\u00f3n ...<br \/><div class=\"pt-cv-rmwrap\"><a href=\"https:\/\/www.dmsjuridica.com\/buscador_20179478954\/corteconstitucionalcronologico202454587\/t-647-05\/\" class=\"_self pt-cv-readmore btn btn-success\" target=\"_self\">Ver Sentencia Completa...<\/a><\/div><\/div><\/div><\/div>\n<div class=\"col-md-12 col-sm-12 col-xs-12 pt-cv-content-item pt-cv-1-col\" ><div class='pt-cv-ifield'><a href=\"https:\/\/www.dmsjuridica.com\/buscador_20179478954\/corteconstitucionalcronologico202454587\/t-646-05\/\" class=\"_self pt-cv-href-thumbnail pt-cv-thumb-default\" target=\"_self\" ><\/a>\n<div class=\"pt-cv-taxoterm above_title\"><a href='https:\/\/www.dmsjuridica.com\/buscador_20179478954\/corteconstitucionalcronologico202454587\/category\/buscar-en-toda-la-corte\/2005\/tutelas-2005\/' title='Tutelas 2005' class='pt-cv-tax-tutelas-2005'>Tutelas 2005<\/a><\/div>\n<h4 class=\"pt-cv-title\"><a href=\"https:\/\/www.dmsjuridica.com\/buscador_20179478954\/corteconstitucionalcronologico202454587\/t-646-05\/\" class=\"_self\" target=\"_self\" >T-646-05<\/a><\/h4>\n<div class=\"pt-cv-content\">\u00a0 \u00a0 Sentencia T-646\/05 \u00a0 DERECHO A LA SALUD DEL MENOR-Fundamental aut\u00f3nomo\/DERECHO A LA SALUD DEL MENOR-Protecci\u00f3n constitucional especial\u00a0 \u00a0 INAPLICACION DE NORMAS DEL PLAN OBLIGATORIO DE SALUD-Hip\u00f3tesis f\u00e1cticas que la determinan \u00a0 Referencia: expediente T-1113030 \u00a0 Acci\u00f3n de tutela instaurada por la se\u00f1ora Luz Marina L\u00f3pez Melo (en representaci\u00f3n del menor Andr\u00e9s Felipe Jaramillo) contra SaludCoop E.P.S. \u00a0 Procedencia: Juzgado Cuarto Civil Municipal de Pereira.\u00a0 \u00a0 Magistrado ponente:\u00a0 \u00a0 Dr. ALFREDO BELTR\u00c1N SIERRA. \u00a0 Bogot\u00e1, D.C., veintitr\u00e9s (23) de junio de dos mil cinco (2005). \u00a0 La Sala de Revisi\u00f3n de la Corte Constitucional, en ejercicio de sus competencias ...<br \/><div class=\"pt-cv-rmwrap\"><a href=\"https:\/\/www.dmsjuridica.com\/buscador_20179478954\/corteconstitucionalcronologico202454587\/t-646-05\/\" class=\"_self pt-cv-readmore btn btn-success\" target=\"_self\">Ver Sentencia Completa...<\/a><\/div><\/div><\/div><\/div>\n<div class=\"col-md-12 col-sm-12 col-xs-12 pt-cv-content-item pt-cv-1-col\" ><div class='pt-cv-ifield'><a href=\"https:\/\/www.dmsjuridica.com\/buscador_20179478954\/corteconstitucionalcronologico202454587\/t-645-05\/\" class=\"_self pt-cv-href-thumbnail pt-cv-thumb-default\" target=\"_self\" ><\/a>\n<div class=\"pt-cv-taxoterm above_title\"><a href='https:\/\/www.dmsjuridica.com\/buscador_20179478954\/corteconstitucionalcronologico202454587\/category\/buscar-en-toda-la-corte\/2005\/tutelas-2005\/' title='Tutelas 2005' class='pt-cv-tax-tutelas-2005'>Tutelas 2005<\/a><\/div>\n<h4 class=\"pt-cv-title\"><a href=\"https:\/\/www.dmsjuridica.com\/buscador_20179478954\/corteconstitucionalcronologico202454587\/t-645-05\/\" class=\"_self\" target=\"_self\" >T-645-05<\/a><\/h4>\n<div class=\"pt-cv-content\">\u00a0 \u00a0 Sentencia T-645\/05 \u00a0 ACCION DE TUTELA-Improcedencia por no haberse agotado mecanismo judicial de defensa \u00a0 JUEZ DE TUTELA-Deber de examinar criterios jur\u00eddicos de procedibilidad de acci\u00f3n de tutela \u00a0 Referencia: expediente T-1073481 \u00a0 Acci\u00f3n de tutela interpuesta por el Hospital El Tunal E.S.E contra Juzgado Noveno Civil del Circuito de Bogot\u00e1. \u00a0 Magistrado Ponente: \u00a0 Dr. JAIME C\u00d3RDOBA TRIVI\u00d1O \u00a0 Bogot\u00e1, D.C., \u00a0veinte ( 20 ) de junio de dos mil cinco (2005). \u00a0 La Sala Cuarta de Revisi\u00f3n de la Corte Constitucional, en ejercicio de sus competencias constitucionales y legales, espec\u00edficamente las previstas en los art\u00edculos 86 ...<br \/><div class=\"pt-cv-rmwrap\"><a href=\"https:\/\/www.dmsjuridica.com\/buscador_20179478954\/corteconstitucionalcronologico202454587\/t-645-05\/\" class=\"_self pt-cv-readmore btn btn-success\" target=\"_self\">Ver Sentencia Completa...<\/a><\/div><\/div><\/div><\/div>\n<div class=\"col-md-12 col-sm-12 col-xs-12 pt-cv-content-item pt-cv-1-col\" ><div class='pt-cv-ifield'><a href=\"https:\/\/www.dmsjuridica.com\/buscador_20179478954\/corteconstitucionalcronologico202454587\/t-644-05\/\" class=\"_self pt-cv-href-thumbnail pt-cv-thumb-default\" target=\"_self\" ><\/a>\n<div class=\"pt-cv-taxoterm above_title\"><a href='https:\/\/www.dmsjuridica.com\/buscador_20179478954\/corteconstitucionalcronologico202454587\/category\/buscar-en-toda-la-corte\/2005\/tutelas-2005\/' title='Tutelas 2005' class='pt-cv-tax-tutelas-2005'>Tutelas 2005<\/a><\/div>\n<h4 class=\"pt-cv-title\"><a href=\"https:\/\/www.dmsjuridica.com\/buscador_20179478954\/corteconstitucionalcronologico202454587\/t-644-05\/\" class=\"_self\" target=\"_self\" >T-644-05<\/a><\/h4>\n<div class=\"pt-cv-content\">\u00a0 \u00a0 Sentencia T-644\/05 \u00a0 ACCION DE TUTELA PARA RELIQUIDACION DE PENSIONES-Procedencia excepcional \u00a0 ACCION DE TUTELA PARA RELIQUIDACION DE PENSIONES-Criterios jurisprudenciales para la procedencia excepcional \u00a0 ACCION DE TUTELA PARA RELIQUIDACION DE PENSIONES-Improcedencia por no demostrarse perjuicio irremediable\/ACCION DE TUTELA PARA RELIQUIDACION DE PENSIONES-Improcedencia por existir otros medios de defensa judicial \u00a0 Referencia: expediente T-1067006 \u00a0 Acci\u00f3n de tutela interpuesta por Julia Esther Vivero de Useche contra la Caja Nacional de Previsi\u00f3n Social \u00a0 Magistrado Ponente: \u00a0 Dr. JAIME C\u00d3RDOBA TRIVI\u00d1O \u00a0 Bogot\u00e1, D.C., veinte (20) de junio de dos mil cinco (2005). \u00a0 La Sala Cuarta de Revisi\u00f3n ...<br \/><div class=\"pt-cv-rmwrap\"><a href=\"https:\/\/www.dmsjuridica.com\/buscador_20179478954\/corteconstitucionalcronologico202454587\/t-644-05\/\" class=\"_self pt-cv-readmore btn btn-success\" target=\"_self\">Ver Sentencia Completa...<\/a><\/div><\/div><\/div><\/div>\n<div class=\"col-md-12 col-sm-12 col-xs-12 pt-cv-content-item pt-cv-1-col\" ><div class='pt-cv-ifield'><a href=\"https:\/\/www.dmsjuridica.com\/buscador_20179478954\/corteconstitucionalcronologico202454587\/t-643-05\/\" class=\"_self pt-cv-href-thumbnail pt-cv-thumb-default\" target=\"_self\" ><\/a>\n<div class=\"pt-cv-taxoterm above_title\"><a href='https:\/\/www.dmsjuridica.com\/buscador_20179478954\/corteconstitucionalcronologico202454587\/category\/buscar-en-toda-la-corte\/2005\/tutelas-2005\/' title='Tutelas 2005' class='pt-cv-tax-tutelas-2005'>Tutelas 2005<\/a><\/div>\n<h4 class=\"pt-cv-title\"><a href=\"https:\/\/www.dmsjuridica.com\/buscador_20179478954\/corteconstitucionalcronologico202454587\/t-643-05\/\" class=\"_self\" target=\"_self\" >T-643-05<\/a><\/h4>\n<div class=\"pt-cv-content\">\u00a0 \u00a0 Sentencia T-643\/05 \u00a0 JUEZ DE TUTELA-Obligaci\u00f3n de proteger derechos fundamentales vulnerados aunque no hayan sido invocados por el actor \u00a0 SISBEN-Deber de atender a los participantes vinculados al sistema de salud \u00a0 PRINCIPIO DE CONTINUIDAD EN EL SERVICIO PUBLICO DE SALUD-Prestaci\u00f3n sin interrupci\u00f3n en evento de cambio de domicilio a otro municipio \u00a0 El traslado de residencia \u2013 temporal o definitivo - no puede interrumpir la prestaci\u00f3n contin\u00faa del servicio de salud cuando est\u00e1 de por medio la vida y la capacidad funcional de una persona, ni se puede someter a quien se encuentra gravemente enfermo a la ...<br \/><div class=\"pt-cv-rmwrap\"><a href=\"https:\/\/www.dmsjuridica.com\/buscador_20179478954\/corteconstitucionalcronologico202454587\/t-643-05\/\" class=\"_self pt-cv-readmore btn btn-success\" target=\"_self\">Ver Sentencia Completa...<\/a><\/div><\/div><\/div><\/div>\n<div class=\"col-md-12 col-sm-12 col-xs-12 pt-cv-content-item pt-cv-1-col\" ><div class='pt-cv-ifield'><a href=\"https:\/\/www.dmsjuridica.com\/buscador_20179478954\/corteconstitucionalcronologico202454587\/t-642-05\/\" class=\"_self pt-cv-href-thumbnail pt-cv-thumb-default\" target=\"_self\" ><\/a>\n<div class=\"pt-cv-taxoterm above_title\"><a href='https:\/\/www.dmsjuridica.com\/buscador_20179478954\/corteconstitucionalcronologico202454587\/category\/buscar-en-toda-la-corte\/2005\/tutelas-2005\/' title='Tutelas 2005' class='pt-cv-tax-tutelas-2005'>Tutelas 2005<\/a><\/div>\n<h4 class=\"pt-cv-title\"><a href=\"https:\/\/www.dmsjuridica.com\/buscador_20179478954\/corteconstitucionalcronologico202454587\/t-642-05\/\" class=\"_self\" target=\"_self\" >T-642-05<\/a><\/h4>\n<div class=\"pt-cv-content\">\u00a0 \u00a0 Sentencia T-642\/05 \u00a0 ACCION DE TUTELA CONTRA PROVIDENCIAS JUDICIALES POR VIA DE HECHO-Procedencia excepcional\u00a0 \u00a0 VIA DE HECHO-Clases de defectos en la actuaci\u00f3n \u00a0 ACCION DE TUTELA CONTRA PROVIDENCIAS JUDICIALES POR VIA DE HECHO-Oportunidades en que procede \u00a0 VIA DE HECHO-Expresi\u00f3n que se ha reemplazado por la de causales gen\u00e9ricas de procedibilidad de la tutela \u00a0 VIA DE HECHO-Defecto sustantivo \u00a0 SENTENCIA DE CONSTITUCIONALIDAD-Efectos futuros\/ACCION DE TUTELA CONTRA PROVIDENCIAS JUDICIALES-No puede fundarse en norma declarada inconstitucional\/RECURSO DE CASACION PENAL-Deber de la Corte Suprema de darle tr\u00e1mite a sentencias ejecutoriadas antes de la C-252\/01\u00a0 \u00a0 Como puede advertirse, ni ...<br \/><div class=\"pt-cv-rmwrap\"><a href=\"https:\/\/www.dmsjuridica.com\/buscador_20179478954\/corteconstitucionalcronologico202454587\/t-642-05\/\" class=\"_self pt-cv-readmore btn btn-success\" target=\"_self\">Ver Sentencia Completa...<\/a><\/div><\/div><\/div><\/div>\n<div class=\"col-md-12 col-sm-12 col-xs-12 pt-cv-content-item pt-cv-1-col\" ><div class='pt-cv-ifield'><a href=\"https:\/\/www.dmsjuridica.com\/buscador_20179478954\/corteconstitucionalcronologico202454587\/t-641-05\/\" class=\"_self pt-cv-href-thumbnail pt-cv-thumb-default\" target=\"_self\" ><\/a>\n<div class=\"pt-cv-taxoterm above_title\"><a href='https:\/\/www.dmsjuridica.com\/buscador_20179478954\/corteconstitucionalcronologico202454587\/category\/buscar-en-toda-la-corte\/2005\/tutelas-2005\/' title='Tutelas 2005' class='pt-cv-tax-tutelas-2005'>Tutelas 2005<\/a><\/div>\n<h4 class=\"pt-cv-title\"><a href=\"https:\/\/www.dmsjuridica.com\/buscador_20179478954\/corteconstitucionalcronologico202454587\/t-641-05\/\" class=\"_self\" target=\"_self\" >T-641-05<\/a><\/h4>\n<div class=\"pt-cv-content\">\u00a0 \u00a0 Sentencia T-641\/05 \u00a0 ACCIONES AFIRMATIVAS-Protecci\u00f3n especial a las madres cabeza de familia \u00a0 MADRES CABEZA DE FAMILIA-Presupuestos indispensables\/ACCIONES AFIRMATIVAS-Aplicaci\u00f3n indiscriminada desnaturaliza la justificaci\u00f3n de su aplicaci\u00f3n\u00a0 \u00a0 MADRE CABEZA DE FAMILIA Y PERSONAS DISCAPACITADAS-Limitaci\u00f3n a la protecci\u00f3n reforzada fijada en la ley 813\/03 declarada inconstitucional por la sentencia C-991\/04\u00a0 \u00a0 ACCION DE TUTELA PARA ASEGURAR MEDIDAS DE ESTABILIDAD LABORAL REFORZADA-Procedencia por existir vulneraci\u00f3n a mandatos constitucionales \u00a0 Reiteraci\u00f3n de jurisprudencia \u00a0 Referencia: expediente T-1061080 \u00a0 Acci\u00f3n de tutela interpuesta por Elba Mar\u00eda P\u00e9rez Preciado contra Caprecom. \u00a0 Magistrado Ponente: \u00a0 Dr. JAIME C\u00d3RDOBA TRIVI\u00d1O \u00a0 Bogot\u00e1, D.C., diecisiete ...<br \/><div class=\"pt-cv-rmwrap\"><a href=\"https:\/\/www.dmsjuridica.com\/buscador_20179478954\/corteconstitucionalcronologico202454587\/t-641-05\/\" class=\"_self pt-cv-readmore btn btn-success\" target=\"_self\">Ver Sentencia Completa...<\/a><\/div><\/div><\/div><\/div>\n<div class=\"col-md-12 col-sm-12 col-xs-12 pt-cv-content-item pt-cv-1-col\" ><div class='pt-cv-ifield'><a href=\"https:\/\/www.dmsjuridica.com\/buscador_20179478954\/corteconstitucionalcronologico202454587\/t-640-05\/\" class=\"_self pt-cv-href-thumbnail pt-cv-thumb-default\" target=\"_self\" ><\/a>\n<div class=\"pt-cv-taxoterm above_title\"><a href='https:\/\/www.dmsjuridica.com\/buscador_20179478954\/corteconstitucionalcronologico202454587\/category\/buscar-en-toda-la-corte\/2005\/tutelas-2005\/' title='Tutelas 2005' class='pt-cv-tax-tutelas-2005'>Tutelas 2005<\/a><\/div>\n<h4 class=\"pt-cv-title\"><a href=\"https:\/\/www.dmsjuridica.com\/buscador_20179478954\/corteconstitucionalcronologico202454587\/t-640-05\/\" class=\"_self\" target=\"_self\" >T-640-05<\/a><\/h4>\n<div class=\"pt-cv-content\">\u00a0 \u00a0 Sentencia T-640\/05 \u00a0 ACCION DE TUTELA CONTRA PROVIDENCIAS JUDICIALES POR VIA DE HECHO-Procedencia excepcional\u00a0 \u00a0 ACCION DE TUTELA CONTRA PROVIDENCIAS JUDICIALES POR VIA DE HECHO-Clases de defectos\u00a0 \u00a0 VIA DE HECHO POR CONSECUENCIA-Vulneraci\u00f3n del derecho de defensa atribuible a un particular\/ACCION DE TUTELA CONTRA PARTICULARES-Requisitos de procedencia \u00a0 Para la Sala es claro que a la accionante se le viol\u00f3 su derecho al debido proceso, al no haber sido vinculada formalmente al proceso ejecutivo hipotecario seguido en su contra por el Banco Agrario S.A.. Dicha violaci\u00f3n es imputable directamente a la mencionada entidad, al no haber actuado en ...<br \/><div class=\"pt-cv-rmwrap\"><a href=\"https:\/\/www.dmsjuridica.com\/buscador_20179478954\/corteconstitucionalcronologico202454587\/t-640-05\/\" class=\"_self pt-cv-readmore btn btn-success\" target=\"_self\">Ver Sentencia Completa...<\/a><\/div><\/div><\/div><\/div>\n<div class=\"col-md-12 col-sm-12 col-xs-12 pt-cv-content-item pt-cv-1-col\" ><div class='pt-cv-ifield'><a href=\"https:\/\/www.dmsjuridica.com\/buscador_20179478954\/corteconstitucionalcronologico202454587\/t-639-05\/\" class=\"_self pt-cv-href-thumbnail pt-cv-thumb-default\" target=\"_self\" ><\/a>\n<div class=\"pt-cv-taxoterm above_title\"><a href='https:\/\/www.dmsjuridica.com\/buscador_20179478954\/corteconstitucionalcronologico202454587\/category\/buscar-en-toda-la-corte\/2005\/tutelas-2005\/' title='Tutelas 2005' class='pt-cv-tax-tutelas-2005'>Tutelas 2005<\/a><\/div>\n<h4 class=\"pt-cv-title\"><a href=\"https:\/\/www.dmsjuridica.com\/buscador_20179478954\/corteconstitucionalcronologico202454587\/t-639-05\/\" class=\"_self\" target=\"_self\" >T-639-05<\/a><\/h4>\n<div class=\"pt-cv-content\">\u00a0 \u00a0 Sentencia T-639\/05 \u00a0 DERECHO A LA ESTABILIDAD LABORAL REFORZADA DE MUJER EMBARAZADA-Protecci\u00f3n constitucional especial \u00a0 PRINCIPIO DE ESTABILIDAD EN EL EMPLEO DE MUJER EMBARAZADA-Renovaci\u00f3n contrato a t\u00e9rmino fijo \u00a0 ACCION DE TUTELA TRANSITORIA DE MUJER EMBARAZADA-Elementos f\u00e1cticos que deben demostrarse \u00a0 Referencia: expediente T-1062842 \u00a0 Accionante: \u00a0Yohana Rodr\u00edguez Velasco \u00a0 Demandados:\u00a0 \u00a0 \u00a0\u00a0 * Hospital Universitario Ram\u00f3n Gonz\u00e1lez Valencia E.S.E. \u00a0\u00a0 * Asociaci\u00f3n Nacional de Sindicatos de Trabajadores y Servidores P\u00fablicos de la Salud, Seguridad Social, Integral y Servicios Complementarios de Colombia (ANTHOC) \u00a0 \u00a0 Magistrado Ponente:\u00a0 \u00a0 Dr. RODRIGO ESCOBAR GIL \u00a0 Bogot\u00e1, D. C., diecis\u00e9is (16) ...<br \/><div class=\"pt-cv-rmwrap\"><a href=\"https:\/\/www.dmsjuridica.com\/buscador_20179478954\/corteconstitucionalcronologico202454587\/t-639-05\/\" class=\"_self pt-cv-readmore btn btn-success\" target=\"_self\">Ver Sentencia Completa...<\/a><\/div><\/div><\/div><\/div>\n<div class=\"col-md-12 col-sm-12 col-xs-12 pt-cv-content-item pt-cv-1-col\" ><div class='pt-cv-ifield'><a href=\"https:\/\/www.dmsjuridica.com\/buscador_20179478954\/corteconstitucionalcronologico202454587\/t-638-05\/\" class=\"_self pt-cv-href-thumbnail pt-cv-thumb-default\" target=\"_self\" ><\/a>\n<div class=\"pt-cv-taxoterm above_title\"><a href='https:\/\/www.dmsjuridica.com\/buscador_20179478954\/corteconstitucionalcronologico202454587\/category\/buscar-en-toda-la-corte\/2005\/tutelas-2005\/' title='Tutelas 2005' class='pt-cv-tax-tutelas-2005'>Tutelas 2005<\/a><\/div>\n<h4 class=\"pt-cv-title\"><a href=\"https:\/\/www.dmsjuridica.com\/buscador_20179478954\/corteconstitucionalcronologico202454587\/t-638-05\/\" class=\"_self\" target=\"_self\" >T-638-05<\/a><\/h4>\n<div class=\"pt-cv-content\">\u00a0 \u00a0 Sentencia T-638\/05 \u00a0 ACCION DE TUTELA-Hecho superado por pago de licencia de maternidad \u00a0 Referencia: expediente 1059523 \u00a0 Peticionario: Lucelly Mar\u00edn Casta\u00f1o \u00a0 Entidad accionada: SALUDCOOP E.P.S \u00a0 Magistrado Ponente: \u00a0 Dr. RODRIGO ESCOBAR GIL \u00a0 Bogot\u00e1, D. C., diecis\u00e9is (16) de junio de dos mil cinco (2005). \u00a0 La Sala Quinta de Revisi\u00f3n de la Corte Constitucional, integrada por los Magistrados Rodrigo Escobar Gil - Presidente -, Marco Gerardo Monroy Cabra y Humberto Antonio Sierra Porto, en ejercicio de sus competencias constitucionales y legales, ha pronunciado la siguiente, \u00a0 dentro del proceso de revisi\u00f3n de los fallos ...<br \/><div class=\"pt-cv-rmwrap\"><a href=\"https:\/\/www.dmsjuridica.com\/buscador_20179478954\/corteconstitucionalcronologico202454587\/t-638-05\/\" class=\"_self pt-cv-readmore btn btn-success\" target=\"_self\">Ver Sentencia Completa...<\/a><\/div><\/div><\/div><\/div>\n<div class=\"col-md-12 col-sm-12 col-xs-12 pt-cv-content-item pt-cv-1-col\" ><div class='pt-cv-ifield'><a href=\"https:\/\/www.dmsjuridica.com\/buscador_20179478954\/corteconstitucionalcronologico202454587\/t-637-05\/\" class=\"_self pt-cv-href-thumbnail pt-cv-thumb-default\" target=\"_self\" ><\/a>\n<div class=\"pt-cv-taxoterm above_title\"><a href='https:\/\/www.dmsjuridica.com\/buscador_20179478954\/corteconstitucionalcronologico202454587\/category\/buscar-en-toda-la-corte\/2005\/tutelas-2005\/' title='Tutelas 2005' class='pt-cv-tax-tutelas-2005'>Tutelas 2005<\/a><\/div>\n<h4 class=\"pt-cv-title\"><a href=\"https:\/\/www.dmsjuridica.com\/buscador_20179478954\/corteconstitucionalcronologico202454587\/t-637-05\/\" class=\"_self\" target=\"_self\" >T-637-05<\/a><\/h4>\n<div class=\"pt-cv-content\">\u00a0 \u00a0 Sentencia T-637\/05 \u00a0 DERECHO A LA SALUD-Fundamental por conexidad con la vida digna \u00a0 INAPLICACION DE NORMAS DEL PLAN OBLIGATORIO DE SALUD-Hip\u00f3tesis f\u00e1cticas que la determinan \u00a0 SISTEMA GENERAL DE SEGURIDAD SOCIAL EN SALUD-Tipos de participantes\/SISTEMA GENERAL DE SEGURIDAD SOCIAL EN SALUD-Afiliados y personas vinculadas \u00a0 DERECHO A LA SALUD-Secretar\u00eda de Salud Departamental debe brindar la atenci\u00f3n requerida a vinculada, a quien no se le ha asignado ARS \u00a0 Referencia: expediente T-1098817 \u00a0 Accionante: \u00a0Sandra Lorena D\u00edaz\u00a0 \u00a0 (Agente Oficiosa de Mar\u00eda Edelmira D\u00edaz Molano) \u00a0 Demandados: \u00a0 \u00a0 CAFESALUD A.R.S.\u00a0 \u00a0 Secretar\u00eda de Salud Departamental del Valle ...<br \/><div class=\"pt-cv-rmwrap\"><a href=\"https:\/\/www.dmsjuridica.com\/buscador_20179478954\/corteconstitucionalcronologico202454587\/t-637-05\/\" class=\"_self pt-cv-readmore btn btn-success\" target=\"_self\">Ver Sentencia Completa...<\/a><\/div><\/div><\/div><\/div>\n<div class=\"col-md-12 col-sm-12 col-xs-12 pt-cv-content-item pt-cv-1-col\" ><div class='pt-cv-ifield'><a href=\"https:\/\/www.dmsjuridica.com\/buscador_20179478954\/corteconstitucionalcronologico202454587\/t-636-05\/\" class=\"_self pt-cv-href-thumbnail pt-cv-thumb-default\" target=\"_self\" ><\/a>\n<div class=\"pt-cv-taxoterm above_title\"><a href='https:\/\/www.dmsjuridica.com\/buscador_20179478954\/corteconstitucionalcronologico202454587\/category\/buscar-en-toda-la-corte\/2005\/tutelas-2005\/' title='Tutelas 2005' class='pt-cv-tax-tutelas-2005'>Tutelas 2005<\/a><\/div>\n<h4 class=\"pt-cv-title\"><a href=\"https:\/\/www.dmsjuridica.com\/buscador_20179478954\/corteconstitucionalcronologico202454587\/t-636-05\/\" class=\"_self\" target=\"_self\" >T-636-05<\/a><\/h4>\n<div class=\"pt-cv-content\">\u00a0 \u00a0 Sentencia T-636\/05 \u00a0 DERECHO A LA MATERNIDAD-Protecci\u00f3n especial a la mujer \u00a0 LICENCIA DE MATERNIDAD-Pago por tutela cuando afecta el m\u00ednimo vital de la madre y su hijo \u00a0 Reiteraci\u00f3n de jurisprudencia \u00a0 \u00a0 Referencia: expediente T-1093441 \u00a0 Accionante: Deyanira Orjuela s\u00e1nchez. \u00a0 Entidad accionada: EPS Famisanar.\u00a0 \u00a0 Magistrado Ponente: \u00a0 Dr. RODRIGO ESCOBAR GIL \u00a0 Bogot\u00e1, D.C., diecis\u00e9is (16) de junio de dos mil cinco (2005). \u00a0 La Sala Quinta de Revisi\u00f3n de la Corte Constitucional, integrada por los Magistrados Rodrigo Escobar Gil, Marco Gerardo Monroy Cabra y Humberto Antonio Sierra Porto, en uso de sus facultades ...<br \/><div class=\"pt-cv-rmwrap\"><a href=\"https:\/\/www.dmsjuridica.com\/buscador_20179478954\/corteconstitucionalcronologico202454587\/t-636-05\/\" class=\"_self pt-cv-readmore btn btn-success\" target=\"_self\">Ver Sentencia Completa...<\/a><\/div><\/div><\/div><\/div>\n<div class=\"col-md-12 col-sm-12 col-xs-12 pt-cv-content-item pt-cv-1-col\" ><div class='pt-cv-ifield'><a href=\"https:\/\/www.dmsjuridica.com\/buscador_20179478954\/corteconstitucionalcronologico202454587\/t-635-05\/\" class=\"_self pt-cv-href-thumbnail pt-cv-thumb-default\" target=\"_self\" ><\/a>\n<div class=\"pt-cv-taxoterm above_title\"><a href='https:\/\/www.dmsjuridica.com\/buscador_20179478954\/corteconstitucionalcronologico202454587\/category\/buscar-en-toda-la-corte\/2005\/tutelas-2005\/' title='Tutelas 2005' class='pt-cv-tax-tutelas-2005'>Tutelas 2005<\/a><\/div>\n<h4 class=\"pt-cv-title\"><a href=\"https:\/\/www.dmsjuridica.com\/buscador_20179478954\/corteconstitucionalcronologico202454587\/t-635-05\/\" class=\"_self\" target=\"_self\" >T-635-05<\/a><\/h4>\n<div class=\"pt-cv-content\">ACCION DE TUTELA CONTRA PROVIDENCIAS JUDICIALES POR VIA DE HECHO-Procedencia excepcional \u00a0 EQUIDAD EN MATERIA LABORAL-Aplicaci\u00f3n en materias no previstas en la legislaci\u00f3n\u00a0 \u00a0 LEY-Igualdad y confianza leg\u00edtima en su aplicaci\u00f3n\/DOCTRINA PROBABLE-Sujeci\u00f3n de los jueces\u00a0 \u00a0 DERECHOS DEL PENSIONADO A MANTENER EL PODER ADQUISITIVO DE LA MESADA-Procedencia de su reconocimiento\/INDEXACION DE LA PRIMERA MESADA PENSIONAL \u00a0 Referencia: expediente T-1054493 \u00a0 Accionante: Jorge Perdomo Reyes. \u00a0 Accionado: Corte \u00a0Suprema de Justicia, Sala de Casaci\u00f3n Laboral. \u00a0 Magistrado Ponente: \u00a0 Dr. RODRIGO ESCOBAR GIL. \u00a0 Bogot\u00e1 D.C., diecis\u00e9is (16) de junio de dos mil cinco (2005). \u00a0 La Sala Quinta de Revisi\u00f3n ...<br \/><div class=\"pt-cv-rmwrap\"><a href=\"https:\/\/www.dmsjuridica.com\/buscador_20179478954\/corteconstitucionalcronologico202454587\/t-635-05\/\" class=\"_self pt-cv-readmore btn btn-success\" target=\"_self\">Ver Sentencia Completa...<\/a><\/div><\/div><\/div><\/div>\n<div class=\"col-md-12 col-sm-12 col-xs-12 pt-cv-content-item pt-cv-1-col\" ><div class='pt-cv-ifield'><a href=\"https:\/\/www.dmsjuridica.com\/buscador_20179478954\/corteconstitucionalcronologico202454587\/t-634-05\/\" class=\"_self pt-cv-href-thumbnail pt-cv-thumb-default\" target=\"_self\" ><\/a>\n<div class=\"pt-cv-taxoterm above_title\"><a href='https:\/\/www.dmsjuridica.com\/buscador_20179478954\/corteconstitucionalcronologico202454587\/category\/buscar-en-toda-la-corte\/2005\/tutelas-2005\/' title='Tutelas 2005' class='pt-cv-tax-tutelas-2005'>Tutelas 2005<\/a><\/div>\n<h4 class=\"pt-cv-title\"><a href=\"https:\/\/www.dmsjuridica.com\/buscador_20179478954\/corteconstitucionalcronologico202454587\/t-634-05\/\" class=\"_self\" target=\"_self\" >T-634-05<\/a><\/h4>\n<div class=\"pt-cv-content\">\u00a0 \u00a0 Sentencia T-634\/05 \u00a0 DERECHO A LA SEGURIDAD PERSONAL-Concepto \u00a0 DERECHO A LA SEGURIDAD PERSONAL-Caracterizaci\u00f3n de los riesgos frente a los cuales protege \u00a0 DERECHO A LA SEGURIDAD PERSONAL-Obligaciones constitucionales b\u00e1sicas de las autoridades para preservarlo \u00a0 DERECHO A LA SEGURIDAD PERSONAL-Se deben invocar o probar sumariamente los hechos sobre existencia de un riesgo extraordinario \u00a0 DERECHO A LA SEGURIDAD PERSONAL-No es absoluto ni ilimitado\/DERECHO A LA SEGURIDAD PERSONAL-Tensiones que deben ser atendidas \u00a0 DERECHO A LA SEGURIDAD PERSONAL DEL MENOR-Vulneraci\u00f3n por cables de energ\u00eda al alcance de estos \u00a0 La Sala estima que la ausencia de un an\u00e1lisis ...<br \/><div class=\"pt-cv-rmwrap\"><a href=\"https:\/\/www.dmsjuridica.com\/buscador_20179478954\/corteconstitucionalcronologico202454587\/t-634-05\/\" class=\"_self pt-cv-readmore btn btn-success\" target=\"_self\">Ver Sentencia Completa...<\/a><\/div><\/div><\/div><\/div>\n<div class=\"col-md-12 col-sm-12 col-xs-12 pt-cv-content-item pt-cv-1-col\" ><div class='pt-cv-ifield'><a href=\"https:\/\/www.dmsjuridica.com\/buscador_20179478954\/corteconstitucionalcronologico202454587\/t-633-05\/\" class=\"_self pt-cv-href-thumbnail pt-cv-thumb-default\" target=\"_self\" ><\/a>\n<div class=\"pt-cv-taxoterm above_title\"><a href='https:\/\/www.dmsjuridica.com\/buscador_20179478954\/corteconstitucionalcronologico202454587\/category\/buscar-en-toda-la-corte\/2005\/tutelas-2005\/' title='Tutelas 2005' class='pt-cv-tax-tutelas-2005'>Tutelas 2005<\/a><\/div>\n<h4 class=\"pt-cv-title\"><a href=\"https:\/\/www.dmsjuridica.com\/buscador_20179478954\/corteconstitucionalcronologico202454587\/t-633-05\/\" class=\"_self\" target=\"_self\" >T-633-05<\/a><\/h4>\n<div class=\"pt-cv-content\">\u00a0 \u00a0 Sentencia T-633\/05 \u00a0 ACCION DE TUTELA CONTRA ENTIDAD FINANCIERA-Procedencia por ausencia de mecanismos judiciales id\u00f3neos y eficaces\/ACCION DE TUTELA-No se vulner\u00f3 el principio de la inmediatez \u00a0 PREVALENCIA DEL DERECHO SUSTANCIAL-Alcance \u00a0 DERECHO DE ACCESO A LA ADMINISTRACION DE JUSTICIA-Vulneraci\u00f3n por no cumplimiento de fallo \u00a0 ACCION DE TUTELA CONTRA ENTIDAD FINANCIERA-Deber de Granahorrar de cancelar y reponer los t\u00edtulos obedeciendo fallo\u00a0 \u00a0 Referencia: expediente T-1033887 \u00a0 Acci\u00f3n de tutela instaurada por Alvaro Medina Moreno contra el Banco Granahorrar. \u00a0 Magistrado Ponente: \u00a0 Dr. MANUEL JOSE CEPEDA ESPINOSA \u00a0 Bogot\u00e1, D.C., diecis\u00e9is (16) de junio de dos mil ...<br \/><div class=\"pt-cv-rmwrap\"><a href=\"https:\/\/www.dmsjuridica.com\/buscador_20179478954\/corteconstitucionalcronologico202454587\/t-633-05\/\" class=\"_self pt-cv-readmore btn btn-success\" target=\"_self\">Ver Sentencia Completa...<\/a><\/div><\/div><\/div><\/div>\n<div class=\"col-md-12 col-sm-12 col-xs-12 pt-cv-content-item pt-cv-1-col\" ><div class='pt-cv-ifield'><a href=\"https:\/\/www.dmsjuridica.com\/buscador_20179478954\/corteconstitucionalcronologico202454587\/t-632-05\/\" class=\"_self pt-cv-href-thumbnail pt-cv-thumb-default\" target=\"_self\" ><\/a>\n<div class=\"pt-cv-taxoterm above_title\"><a href='https:\/\/www.dmsjuridica.com\/buscador_20179478954\/corteconstitucionalcronologico202454587\/category\/buscar-en-toda-la-corte\/2005\/tutelas-2005\/' title='Tutelas 2005' class='pt-cv-tax-tutelas-2005'>Tutelas 2005<\/a><\/div>\n<h4 class=\"pt-cv-title\"><a href=\"https:\/\/www.dmsjuridica.com\/buscador_20179478954\/corteconstitucionalcronologico202454587\/t-632-05\/\" class=\"_self\" target=\"_self\" >T-632-05<\/a><\/h4>\n<div class=\"pt-cv-content\">\u00a0 \u00a0 Sentencia T-632\/05 \u00a0 DERECHO A LA SEGURIDAD SOCIAL-Presupuestos a cumplir para considerarlo fundamental \u00a0 INAPLICACION DE NORMAS DEL PLAN OBLIGATORIO DE SALUD-Hip\u00f3tesis f\u00e1cticas que la determinan \u00a0 Reiteraci\u00f3n de Jurisprudencia \u00a0 Referencia: expediente T-1115751\u00a0 \u00a0 Acci\u00f3n de tutela instaurada por Viviana Sabalza Junco, en representaci\u00f3n de su padre Macario Sabalza Pacheco, contra Humanavivir EPS.\u00a0 \u00a0 Magistrado Ponente \u00a0 Dr. MANUEL JOS\u00c9 CEPEDA ESPINOSA \u00a0 Bogot\u00e1, D.C., diecis\u00e9is (16) de junio de dos mil cinco (2005). \u00a0 Teniendo en cuenta que el problema jur\u00eddico que suscita la presente acci\u00f3n de tutela ya ha sido objeto de otros pronunciamientos por ...<br \/><div class=\"pt-cv-rmwrap\"><a href=\"https:\/\/www.dmsjuridica.com\/buscador_20179478954\/corteconstitucionalcronologico202454587\/t-632-05\/\" class=\"_self pt-cv-readmore btn btn-success\" target=\"_self\">Ver Sentencia Completa...<\/a><\/div><\/div><\/div><\/div>\n<div class=\"col-md-12 col-sm-12 col-xs-12 pt-cv-content-item pt-cv-1-col\" ><div class='pt-cv-ifield'><a href=\"https:\/\/www.dmsjuridica.com\/buscador_20179478954\/corteconstitucionalcronologico202454587\/t-631-05\/\" class=\"_self pt-cv-href-thumbnail pt-cv-thumb-default\" target=\"_self\" ><\/a>\n<div class=\"pt-cv-taxoterm above_title\"><a href='https:\/\/www.dmsjuridica.com\/buscador_20179478954\/corteconstitucionalcronologico202454587\/category\/buscar-en-toda-la-corte\/2005\/tutelas-2005\/' title='Tutelas 2005' class='pt-cv-tax-tutelas-2005'>Tutelas 2005<\/a><\/div>\n<h4 class=\"pt-cv-title\"><a href=\"https:\/\/www.dmsjuridica.com\/buscador_20179478954\/corteconstitucionalcronologico202454587\/t-631-05\/\" class=\"_self\" target=\"_self\" >T-631-05<\/a><\/h4>\n<div class=\"pt-cv-content\">\u00a0 \u00a0 Sentencia T-631\/05 \u00a0 DERECHO A LA SEGURIDAD SOCIAL-Presupuestos a cumplir para considerarlo fundamental \u00a0 INAPLICACION DE NORMAS DEL PLAN OBLIGATORIO DE SALUD-Hip\u00f3tesis f\u00e1cticas que la determinan\u00a0 \u00a0 DERECHO A LA SALUD-Examen diagn\u00f3stico solicitado no vulnera el derecho a la vida\u00a0 \u00a0 Reiteraci\u00f3n de Jurisprudencia \u00a0 Acci\u00f3n de tutela instaurada por Harold Wilson Jaramillo Arcos1 contra Saludcoop E.P.S.\u00a0 \u00a0 Magistrado Ponente \u00a0 Dr. MANUEL JOS\u00c9 CEPEDA ESPINOSA \u00a0 Bogot\u00e1, D.C., diecis\u00e9is (16) de junio de dos mil cinco (2005). \u00a0 Teniendo en cuenta que el problema jur\u00eddico que suscita la presente acci\u00f3n de tutela ya ha sido objeto de ...<br \/><div class=\"pt-cv-rmwrap\"><a href=\"https:\/\/www.dmsjuridica.com\/buscador_20179478954\/corteconstitucionalcronologico202454587\/t-631-05\/\" class=\"_self pt-cv-readmore btn btn-success\" target=\"_self\">Ver Sentencia Completa...<\/a><\/div><\/div><\/div><\/div>\n<div class=\"col-md-12 col-sm-12 col-xs-12 pt-cv-content-item pt-cv-1-col\" ><div class='pt-cv-ifield'><a href=\"https:\/\/www.dmsjuridica.com\/buscador_20179478954\/corteconstitucionalcronologico202454587\/t-630-05\/\" class=\"_self pt-cv-href-thumbnail pt-cv-thumb-default\" target=\"_self\" ><\/a>\n<div class=\"pt-cv-taxoterm above_title\"><a href='https:\/\/www.dmsjuridica.com\/buscador_20179478954\/corteconstitucionalcronologico202454587\/category\/buscar-en-toda-la-corte\/2005\/tutelas-2005\/' title='Tutelas 2005' class='pt-cv-tax-tutelas-2005'>Tutelas 2005<\/a><\/div>\n<h4 class=\"pt-cv-title\"><a href=\"https:\/\/www.dmsjuridica.com\/buscador_20179478954\/corteconstitucionalcronologico202454587\/t-630-05\/\" class=\"_self\" target=\"_self\" >T-630-05<\/a><\/h4>\n<div class=\"pt-cv-content\">\u00a0 \u00a0 Sentencia T-630\/05 \u00a0 AGENCIA OFICIOSA EN TUTELA-Estado de salud de persona de la tercera edad es prueba suficiente para justificarla \u00a0 ACCION DE TUTELA-Hecho superado por atenci\u00f3n medica\u00a0 \u00a0 Reiteraci\u00f3n de Jurisprudencia \u00a0 Referencia: expediente T-1093424 \u00a0 Acci\u00f3n de tutela instaurada por Oscar Eduardo Caicedo en \u00a0contra \u00a0de Cafesalud ARS. \u00a0 Magistrado Ponente\u00a0 \u00a0 Dr. MANUEL JOS\u00c9 CEPEDA ESPINOSA \u00a0 Bogot\u00e1, D.C., diecis\u00e9is (16) de junio de dos mil cinco (2005). \u00a0 La Sala Tercera de Revisi\u00f3n de la Corte Constitucional, integrada por los magistrados, Manuel Jos\u00e9 Cepeda Espinosa, Jaime C\u00f3rdoba Trivi\u00f1o y Rodrigo Escobar Gil, en ejercicio ...<br \/><div class=\"pt-cv-rmwrap\"><a href=\"https:\/\/www.dmsjuridica.com\/buscador_20179478954\/corteconstitucionalcronologico202454587\/t-630-05\/\" class=\"_self pt-cv-readmore btn btn-success\" target=\"_self\">Ver Sentencia Completa...<\/a><\/div><\/div><\/div><\/div>\n<div class=\"col-md-12 col-sm-12 col-xs-12 pt-cv-content-item pt-cv-1-col\" ><div class='pt-cv-ifield'><a href=\"https:\/\/www.dmsjuridica.com\/buscador_20179478954\/corteconstitucionalcronologico202454587\/t-629-05\/\" class=\"_self pt-cv-href-thumbnail pt-cv-thumb-default\" target=\"_self\" ><\/a>\n<div class=\"pt-cv-taxoterm above_title\"><a href='https:\/\/www.dmsjuridica.com\/buscador_20179478954\/corteconstitucionalcronologico202454587\/category\/buscar-en-toda-la-corte\/2005\/tutelas-2005\/' title='Tutelas 2005' class='pt-cv-tax-tutelas-2005'>Tutelas 2005<\/a><\/div>\n<h4 class=\"pt-cv-title\"><a href=\"https:\/\/www.dmsjuridica.com\/buscador_20179478954\/corteconstitucionalcronologico202454587\/t-629-05\/\" class=\"_self\" target=\"_self\" >T-629-05<\/a><\/h4>\n<div class=\"pt-cv-content\">\u00a0 \u00a0 Sentencia T-629\/05 \u00a0 DERECHO A LA SEGURIDAD SOCIAL-Conexidad con la dignidad\/DERECHO A LA SEGURIDAD SOCIAL-Expedici\u00f3n y emisi\u00f3n de bono pensional\u00a0 \u00a0 BONOS PENSIONALES-Demora en emisi\u00f3n afecta derechos fundamentales \u00a0 ACCION DE TUTELA-Hecho superado por reconocimiento de pensi\u00f3n de vejez\u00a0 \u00a0 Reiteraci\u00f3n de Jurisprudencia \u00a0 Referencia: expediente T-1066985 \u00a0 Acci\u00f3n de tutela instaurada por Ligia Marulanda P\u00e9rez contra el Instituto de Seguros Sociales, el Hospital San Vicente de Paul de Alcal\u00e1 (Valle), el Hospital San Jorge de Pereira, el Instituto Municipal de Salud y la Empresa Social del Estado Salud Pereira. \u00a0 Magistrado Ponente: \u00a0 Dr. MANUEL JOSE CEPEDA ...<br \/><div class=\"pt-cv-rmwrap\"><a href=\"https:\/\/www.dmsjuridica.com\/buscador_20179478954\/corteconstitucionalcronologico202454587\/t-629-05\/\" class=\"_self pt-cv-readmore btn btn-success\" target=\"_self\">Ver Sentencia Completa...<\/a><\/div><\/div><\/div><\/div>\n<div class=\"col-md-12 col-sm-12 col-xs-12 pt-cv-content-item pt-cv-1-col\" ><div class='pt-cv-ifield'><a href=\"https:\/\/www.dmsjuridica.com\/buscador_20179478954\/corteconstitucionalcronologico202454587\/t-628-05\/\" class=\"_self pt-cv-href-thumbnail pt-cv-thumb-default\" target=\"_self\" ><\/a>\n<div class=\"pt-cv-taxoterm above_title\"><a href='https:\/\/www.dmsjuridica.com\/buscador_20179478954\/corteconstitucionalcronologico202454587\/category\/buscar-en-toda-la-corte\/2005\/tutelas-2005\/' title='Tutelas 2005' class='pt-cv-tax-tutelas-2005'>Tutelas 2005<\/a><\/div>\n<h4 class=\"pt-cv-title\"><a href=\"https:\/\/www.dmsjuridica.com\/buscador_20179478954\/corteconstitucionalcronologico202454587\/t-628-05\/\" class=\"_self\" target=\"_self\" >T-628-05<\/a><\/h4>\n<div class=\"pt-cv-content\">\u00a0 \u00a0 Sentencia T-628\/05 \u00a0 ACCION DE TUTELA CONTRA EMPRESA DE SERVICIOS PUBLICOS DOMICILIARIOS-Procedencia en situaciones especiales para dirimir conflictos con usuarios \u00a0 ACCION DE TUTELA CONTRA EMPRESA DE SERVICIOS PUBLICOS DOMICILIARIOS-Improcedente por no demostrar el perjuicio irremediable\u00a0 \u00a0 DERECHO DE PETICION-Vulneraci\u00f3n por empresa de servicios p\u00fablicos domiciliarios\u00a0 \u00a0 Reiteraci\u00f3n de jurisprudencia \u00a0 Referencia: expediente T-10633841 \u00a0 Acci\u00f3n de tutela instaurada por Sergio Mainero Brown contra Electrificadora de la Costa Atl\u00e1ntica S.A. E.S.P.\u00a0 \u00a0 Dr. MANUEL JOS\u00c9 CEPEDA ESPINOSA \u00a0 Bogot\u00e1, D.C., diecis\u00e9is (16) de junio de dos mil cinco (2005). \u00a0 Como se trata de una sentencia de reiteraci\u00f3n, ...<br \/><div class=\"pt-cv-rmwrap\"><a href=\"https:\/\/www.dmsjuridica.com\/buscador_20179478954\/corteconstitucionalcronologico202454587\/t-628-05\/\" class=\"_self pt-cv-readmore btn btn-success\" target=\"_self\">Ver Sentencia Completa...<\/a><\/div><\/div><\/div><\/div>\n<div class=\"col-md-12 col-sm-12 col-xs-12 pt-cv-content-item pt-cv-1-col\" ><div class='pt-cv-ifield'><a href=\"https:\/\/www.dmsjuridica.com\/buscador_20179478954\/corteconstitucionalcronologico202454587\/t-627-05\/\" class=\"_self pt-cv-href-thumbnail pt-cv-thumb-default\" target=\"_self\" ><\/a>\n<div class=\"pt-cv-taxoterm above_title\"><a href='https:\/\/www.dmsjuridica.com\/buscador_20179478954\/corteconstitucionalcronologico202454587\/category\/buscar-en-toda-la-corte\/2005\/tutelas-2005\/' title='Tutelas 2005' class='pt-cv-tax-tutelas-2005'>Tutelas 2005<\/a><\/div>\n<h4 class=\"pt-cv-title\"><a href=\"https:\/\/www.dmsjuridica.com\/buscador_20179478954\/corteconstitucionalcronologico202454587\/t-627-05\/\" class=\"_self\" target=\"_self\" >T-627-05<\/a><\/h4>\n<div class=\"pt-cv-content\">\u00a0 \u00a0 Sentencia T-627\/05 \u00a0 DERECHO DE PETICION-Caracter\u00edsticas esenciales \u00a0 DERECHO DE PETICION EN MATERIA PENSIONAL-T\u00e9rmino de quince d\u00edas para informar estado del tr\u00e1mite o copias de documentos\u00a0 \u00a0 DERECHO DE PETICION EN MATERIA PENSIONAL-T\u00e9rmino de cuatro y seis meses para resolver reconocimiento y pago \u00a0 DERECHO DE PETICION EN MATERIA PENSIONAL-Deber de las entidades administradoras de pensiones de dar respuesta pronta y de fondo \u00a0 Referencia: expediente T-1102139 \u00a0 Accionante: Mar\u00eda Laudice Olaya de Fonseca \u00a0 Procedencia: Juzgado Veinte Laboral del Circuito de Bogot\u00e1 \u00a0 Magistrado Ponente:\u00a0 \u00a0 Bogot\u00e1, D.C., diecis\u00e9is (16) de junio de dos mil cinco (2005) ...<br \/><div class=\"pt-cv-rmwrap\"><a href=\"https:\/\/www.dmsjuridica.com\/buscador_20179478954\/corteconstitucionalcronologico202454587\/t-627-05\/\" class=\"_self pt-cv-readmore btn btn-success\" target=\"_self\">Ver Sentencia Completa...<\/a><\/div><\/div><\/div><\/div>\n<div class=\"col-md-12 col-sm-12 col-xs-12 pt-cv-content-item pt-cv-1-col\" ><div class='pt-cv-ifield'><a href=\"https:\/\/www.dmsjuridica.com\/buscador_20179478954\/corteconstitucionalcronologico202454587\/t-626-05\/\" class=\"_self pt-cv-href-thumbnail pt-cv-thumb-default\" target=\"_self\" ><\/a>\n<div class=\"pt-cv-taxoterm above_title\"><a href='https:\/\/www.dmsjuridica.com\/buscador_20179478954\/corteconstitucionalcronologico202454587\/category\/buscar-en-toda-la-corte\/2005\/tutelas-2005\/' title='Tutelas 2005' class='pt-cv-tax-tutelas-2005'>Tutelas 2005<\/a><\/div>\n<h4 class=\"pt-cv-title\"><a href=\"https:\/\/www.dmsjuridica.com\/buscador_20179478954\/corteconstitucionalcronologico202454587\/t-626-05\/\" class=\"_self\" target=\"_self\" >T-626-05<\/a><\/h4>\n<div class=\"pt-cv-content\">\u00a0 \u00a0 Sentencia T-626\/05 \u00a0 PRINCIPIO DE LA BUENA FE-Alcance\/ACTO PROPIO-Respeto \u00a0 DERECHO A LA INFORMACION-Redenominaci\u00f3n de cr\u00e9ditos hipotecarios \u00a0 FONDO NACIONAL DEL AHORRO-Deber de informar a usuarios la redenominaci\u00f3n de cr\u00e9ditos hipotecarios \u00a0 FONDO NACIONAL DEL AHORRO-Abuso de posici\u00f3n dominante\/FONDO NACIONAL DEL AHORRO-Modificaci\u00f3n unilateral de lo inicialmente pactado en el cr\u00e9dito \u00a0 FONDO NACIONAL DEL AHORRO-Vulneraci\u00f3n de derechos al modificar el cr\u00e9dito de pesos a UVR sin informaci\u00f3n y aceptaci\u00f3n previa del titular \u00a0 \u00a0 Referencia: \u00a0expedientes T-1107181 y T-1107458 (acumulados) \u00a0 \u00a0 Peticionarios: Luis Enrique C\u00e1rdenas Sterling y Freddy Alexander Ayala Castro \u00a0 Procedencia: Juzgado Diecisiete Civil del ...<br \/><div class=\"pt-cv-rmwrap\"><a href=\"https:\/\/www.dmsjuridica.com\/buscador_20179478954\/corteconstitucionalcronologico202454587\/t-626-05\/\" class=\"_self pt-cv-readmore btn btn-success\" target=\"_self\">Ver Sentencia Completa...<\/a><\/div><\/div><\/div><\/div>\n<div class=\"col-md-12 col-sm-12 col-xs-12 pt-cv-content-item pt-cv-1-col\" ><div class='pt-cv-ifield'><a href=\"https:\/\/www.dmsjuridica.com\/buscador_20179478954\/corteconstitucionalcronologico202454587\/t-625-05\/\" class=\"_self pt-cv-href-thumbnail pt-cv-thumb-default\" target=\"_self\" ><\/a>\n<div class=\"pt-cv-taxoterm above_title\"><a href='https:\/\/www.dmsjuridica.com\/buscador_20179478954\/corteconstitucionalcronologico202454587\/category\/buscar-en-toda-la-corte\/2005\/tutelas-2005\/' title='Tutelas 2005' class='pt-cv-tax-tutelas-2005'>Tutelas 2005<\/a><\/div>\n<h4 class=\"pt-cv-title\"><a href=\"https:\/\/www.dmsjuridica.com\/buscador_20179478954\/corteconstitucionalcronologico202454587\/t-625-05\/\" class=\"_self\" target=\"_self\" >T-625-05<\/a><\/h4>\n<div class=\"pt-cv-content\">\u00a0 \u00a0 Sentencia T-625\/05 \u00a0 ACCION DE TUTELA CONTRA PROVIDENCIAS JUDICIALES-Procedencia excepcional por v\u00eda de hecho\/ACCION DE TUTELA CONTRA PROVIDENCIAS JUDICIALES-Causales de procedencia \u00a0 ACCION DE EXTINCION DE DOMINIO-Finalidad\/ACCION DE EXTINCION DE DOMINIO-Recursos contra la sentencia\/ACCION DE EXTINCION DE DOMINIO-Imposibilidad del accionante de ejercer recurso de apelaci\u00f3n por no haber sido parte dentro del proceso \u00a0 La finalidad de la acci\u00f3n de extinci\u00f3n de dominio es la de despojar de este derecho y sus conexos a quien lo adquiri\u00f3 il\u00edcitamente -que por esa circunstancia desmerece de protecci\u00f3n legal alguna - y entregarlo al Estado con el fin de que \u00e9ste ...<br \/><div class=\"pt-cv-rmwrap\"><a href=\"https:\/\/www.dmsjuridica.com\/buscador_20179478954\/corteconstitucionalcronologico202454587\/t-625-05\/\" class=\"_self pt-cv-readmore btn btn-success\" target=\"_self\">Ver Sentencia Completa...<\/a><\/div><\/div><\/div><\/div>\n<div class=\"col-md-12 col-sm-12 col-xs-12 pt-cv-content-item pt-cv-1-col\" ><div class='pt-cv-ifield'><a href=\"https:\/\/www.dmsjuridica.com\/buscador_20179478954\/corteconstitucionalcronologico202454587\/t-624-05\/\" class=\"_self pt-cv-href-thumbnail pt-cv-thumb-default\" target=\"_self\" ><\/a>\n<div class=\"pt-cv-taxoterm above_title\"><a href='https:\/\/www.dmsjuridica.com\/buscador_20179478954\/corteconstitucionalcronologico202454587\/category\/buscar-en-toda-la-corte\/2005\/tutelas-2005\/' title='Tutelas 2005' class='pt-cv-tax-tutelas-2005'>Tutelas 2005<\/a><\/div>\n<h4 class=\"pt-cv-title\"><a href=\"https:\/\/www.dmsjuridica.com\/buscador_20179478954\/corteconstitucionalcronologico202454587\/t-624-05\/\" class=\"_self\" target=\"_self\" >T-624-05<\/a><\/h4>\n<div class=\"pt-cv-content\">\u00a0 \u00a0 Sentencia T-624\/05 \u00a0 DEBIDO PROCESO EN ESTABLECIMIENTO CARCELARIO-Vulneraci\u00f3n al imponer sanci\u00f3n sin fundamento normativo\/ ESTABLECIMIENTO CARCELARIO-Vulneraci\u00f3n derechos a la igualdad y al libre desarrollo de la personalidad al imponer el uso de la falda a mujeres visitantes de los reclusos\u00a0 \u00a0 Es claro que si alguna instrucci\u00f3n verbal de la Directora del Reclusorio o de otra autoridad carcelaria, fue la causa para exigir el uso de falda a las mujeres visitantes del establecimiento que ella dirige, como requisito para ingresar y permanecer dentro del mismo, se ha incurrido en una clara vulneraci\u00f3n de los derechos fundamentales a: i.) ...<br \/><div class=\"pt-cv-rmwrap\"><a href=\"https:\/\/www.dmsjuridica.com\/buscador_20179478954\/corteconstitucionalcronologico202454587\/t-624-05\/\" class=\"_self pt-cv-readmore btn btn-success\" target=\"_self\">Ver Sentencia Completa...<\/a><\/div><\/div><\/div><\/div>\n<div class=\"col-md-12 col-sm-12 col-xs-12 pt-cv-content-item pt-cv-1-col\" ><div class='pt-cv-ifield'><a href=\"https:\/\/www.dmsjuridica.com\/buscador_20179478954\/corteconstitucionalcronologico202454587\/t-623-05\/\" class=\"_self pt-cv-href-thumbnail pt-cv-thumb-default\" target=\"_self\" ><\/a>\n<div class=\"pt-cv-taxoterm above_title\"><a href='https:\/\/www.dmsjuridica.com\/buscador_20179478954\/corteconstitucionalcronologico202454587\/category\/buscar-en-toda-la-corte\/2005\/tutelas-2005\/' title='Tutelas 2005' class='pt-cv-tax-tutelas-2005'>Tutelas 2005<\/a><\/div>\n<h4 class=\"pt-cv-title\"><a href=\"https:\/\/www.dmsjuridica.com\/buscador_20179478954\/corteconstitucionalcronologico202454587\/t-623-05\/\" class=\"_self\" target=\"_self\" >T-623-05<\/a><\/h4>\n<div class=\"pt-cv-content\">\u00a0 \u00a0 Sentencia T-623\/05 \u00a0 ACCION DE TUTELA-Improcedencia por falta de legitimaci\u00f3n por activa\/FALTA DE LEGITIMACION POR ACTIVA-Madre en representaci\u00f3n de hijas mayores de edad \u00a0 AGENCIA OFICIOSA EN TUTELA-Necesidad de probar imposibilidad de accionar \u00a0 PRINCIPIO DE CONTINUIDAD POR ENTIDAD PROMOTORA DE SALUD-Casos en que no se puede suspender el tratamiento o el medicamento \u00a0 DERECHO A LA SALUD-Beneficiarios del sistema no deben soportar inconvenientes presupuestales o tr\u00e1mites burocr\u00e1ticos \u00a0 Referencia: expediente T-1063632 \u00a0 Acci\u00f3n de tutela instaurada por Elizabeth Pe\u00f1alosa Mart\u00ednez contra Cafesalud EPS \u00a0 Magistrado Ponente: \u00a0 Dr. ALVARO TAFUR GALVIS \u00a0 Bogot\u00e1 D. C., diecis\u00e9is (16) ...<br \/><div class=\"pt-cv-rmwrap\"><a href=\"https:\/\/www.dmsjuridica.com\/buscador_20179478954\/corteconstitucionalcronologico202454587\/t-623-05\/\" class=\"_self pt-cv-readmore btn btn-success\" target=\"_self\">Ver Sentencia Completa...<\/a><\/div><\/div><\/div><\/div>\n<div class=\"col-md-12 col-sm-12 col-xs-12 pt-cv-content-item pt-cv-1-col\" ><div class='pt-cv-ifield'><a href=\"https:\/\/www.dmsjuridica.com\/buscador_20179478954\/corteconstitucionalcronologico202454587\/t-622-05\/\" class=\"_self pt-cv-href-thumbnail pt-cv-thumb-default\" target=\"_self\" ><\/a>\n<div class=\"pt-cv-taxoterm above_title\"><a href='https:\/\/www.dmsjuridica.com\/buscador_20179478954\/corteconstitucionalcronologico202454587\/category\/buscar-en-toda-la-corte\/2005\/tutelas-2005\/' title='Tutelas 2005' class='pt-cv-tax-tutelas-2005'>Tutelas 2005<\/a><\/div>\n<h4 class=\"pt-cv-title\"><a href=\"https:\/\/www.dmsjuridica.com\/buscador_20179478954\/corteconstitucionalcronologico202454587\/t-622-05\/\" class=\"_self\" target=\"_self\" >T-622-05<\/a><\/h4>\n<div class=\"pt-cv-content\">\u00a0 \u00a0 Sentencia T-622\/05 \u00a0 ESTABLECIMIENTO CARCELARIO-Tratos crueles, inhumanos y degradantes en la requisa a internos y visitantes \u00a0 DERECHO A LA INTIMIDAD Y DIGNIDAD DEL INTERNO-Requisitos denigrantes\/DERECHO A LA INTIMIDAD Y DIGNIDAD DEL INTERNO-Respeto \u00a0 ESTABLECIMIENTO CARCELARIO-Requisa debe ser razonable \u00a0 ESTABLECIMIENTO CARCELARIO-Requisa vaginal no est\u00e1 permitida\/ESTABLECIMIENTO CARCELARIO-Prohibici\u00f3n de no dejar ingresar a la mujer cuando tiene el periodo menstrual es una practica discriminatoria\/ESTABLECIMIENTO CARCELARIO-Deber de dotarse de tecnolog\u00eda apropiada para realizar requisas \u00a0 De acuerdo con esa prueba que fue tenida en cuenta por todos los jueces de instancia al momento de denegar las tutelas invocadas, es claro ...<br \/><div class=\"pt-cv-rmwrap\"><a href=\"https:\/\/www.dmsjuridica.com\/buscador_20179478954\/corteconstitucionalcronologico202454587\/t-622-05\/\" class=\"_self pt-cv-readmore btn btn-success\" target=\"_self\">Ver Sentencia Completa...<\/a><\/div><\/div><\/div><\/div>\n<div class=\"col-md-12 col-sm-12 col-xs-12 pt-cv-content-item pt-cv-1-col\" ><div class='pt-cv-ifield'><a href=\"https:\/\/www.dmsjuridica.com\/buscador_20179478954\/corteconstitucionalcronologico202454587\/t-621-05\/\" class=\"_self pt-cv-href-thumbnail pt-cv-thumb-default\" target=\"_self\" ><\/a>\n<div class=\"pt-cv-taxoterm above_title\"><a href='https:\/\/www.dmsjuridica.com\/buscador_20179478954\/corteconstitucionalcronologico202454587\/category\/buscar-en-toda-la-corte\/2005\/tutelas-2005\/' title='Tutelas 2005' class='pt-cv-tax-tutelas-2005'>Tutelas 2005<\/a><\/div>\n<h4 class=\"pt-cv-title\"><a href=\"https:\/\/www.dmsjuridica.com\/buscador_20179478954\/corteconstitucionalcronologico202454587\/t-621-05\/\" class=\"_self\" target=\"_self\" >T-621-05<\/a><\/h4>\n<div class=\"pt-cv-content\">\u00a0 \u00a0 Sentencia T-621\/05 \u00a0 DEBIDO PROCESO COMO NORMA ABIERTA-Alcance\/DEBIDO PROCESO-Justificaci\u00f3n de protecci\u00f3n por tutela \u00a0 REGIMEN DE CONTRATACION PUBLICA-Principios\u00a0 \u00a0 INTERVENTOR-Funci\u00f3n de control\/INTERVENTOR-Obligaci\u00f3n de dar \u00f3rdenes y sugerencias por escrito \u00a0 La gesti\u00f3n encargada al Interventor en el caso de los contratos de obra que celebra la administraci\u00f3n, tienen caracter\u00edsticas muy especiales, pues \u00e9ste, adem\u00e1s de garantizar el inter\u00e9s de la comunidad, controla objetiva y t\u00e9cnicamente la adecuada ejecuci\u00f3n del contrato. Ahora bien, se ha considerado que cualquier gesti\u00f3n o tr\u00e1mite que se adelante entre el contratista y el Estado, que tenga que ver con la ejecuci\u00f3n propia del ...<br \/><div class=\"pt-cv-rmwrap\"><a href=\"https:\/\/www.dmsjuridica.com\/buscador_20179478954\/corteconstitucionalcronologico202454587\/t-621-05\/\" class=\"_self pt-cv-readmore btn btn-success\" target=\"_self\">Ver Sentencia Completa...<\/a><\/div><\/div><\/div><\/div>\n<div class=\"col-md-12 col-sm-12 col-xs-12 pt-cv-content-item pt-cv-1-col\" ><div class='pt-cv-ifield'><a href=\"https:\/\/www.dmsjuridica.com\/buscador_20179478954\/corteconstitucionalcronologico202454587\/t-620-05\/\" class=\"_self pt-cv-href-thumbnail pt-cv-thumb-default\" target=\"_self\" ><\/a>\n<div class=\"pt-cv-taxoterm above_title\"><a href='https:\/\/www.dmsjuridica.com\/buscador_20179478954\/corteconstitucionalcronologico202454587\/category\/buscar-en-toda-la-corte\/2005\/tutelas-2005\/' title='Tutelas 2005' class='pt-cv-tax-tutelas-2005'>Tutelas 2005<\/a><\/div>\n<h4 class=\"pt-cv-title\"><a href=\"https:\/\/www.dmsjuridica.com\/buscador_20179478954\/corteconstitucionalcronologico202454587\/t-620-05\/\" class=\"_self\" target=\"_self\" >T-620-05<\/a><\/h4>\n<div class=\"pt-cv-content\">\u00a0 \u00a0 Sentencia T-620\/05 \u00a0 CUOTA ALIMENTARIA-Procedencia de tutela para hacer efectiva orden de embargo \u00a0 ACCION DE TUTELA-Procedencia para reclamar pago de alimentos de menores \u00a0 CUOTA ALIMENTARIA-Omisi\u00f3n en el pago de salarios al obligado vulnera derechos fundamentales del menor \u00a0 CUOTA ALIMENTARIA DE MENOR-Orden de embargo prevalece sobre los dem\u00e1s acreedores por tratarse de menor de edad. \u00a0 El caso cuyo estudio ocupa a la Sala el incumplimiento de la orden de embargo, compromete no s\u00f3lo el deber general de solidaridad social sino la obligaci\u00f3n del Municipio de Ci\u00e9naga de asistir y proteger a la menor, cuyos derechos ...<br \/><div class=\"pt-cv-rmwrap\"><a href=\"https:\/\/www.dmsjuridica.com\/buscador_20179478954\/corteconstitucionalcronologico202454587\/t-620-05\/\" class=\"_self pt-cv-readmore btn btn-success\" target=\"_self\">Ver Sentencia Completa...<\/a><\/div><\/div><\/div><\/div>\n<div class=\"col-md-12 col-sm-12 col-xs-12 pt-cv-content-item pt-cv-1-col\" ><div class='pt-cv-ifield'><a href=\"https:\/\/www.dmsjuridica.com\/buscador_20179478954\/corteconstitucionalcronologico202454587\/t-619-05\/\" class=\"_self pt-cv-href-thumbnail pt-cv-thumb-default\" target=\"_self\" ><\/a>\n<div class=\"pt-cv-taxoterm above_title\"><a href='https:\/\/www.dmsjuridica.com\/buscador_20179478954\/corteconstitucionalcronologico202454587\/category\/buscar-en-toda-la-corte\/2005\/tutelas-2005\/' title='Tutelas 2005' class='pt-cv-tax-tutelas-2005'>Tutelas 2005<\/a><\/div>\n<h4 class=\"pt-cv-title\"><a href=\"https:\/\/www.dmsjuridica.com\/buscador_20179478954\/corteconstitucionalcronologico202454587\/t-619-05\/\" class=\"_self\" target=\"_self\" >T-619-05<\/a><\/h4>\n<div class=\"pt-cv-content\">\u00a0 \u00a0 Sentencia T-619\/05 \u00a0 PERSONA DISMINUIDA FISICA O PSIQUICAMENTE-Protecci\u00f3n especial por el Estado \u00a0 ACCION DE TUTELA-Procedencia aunque exista mecanismo de defensa por inexistencia de medidas de protecci\u00f3n inmediatas y eficaces \u00a0 DERECHO A LA PENSION DE INVALIDEZ-Fundamental por conexidad con el m\u00ednimo vital \u00a0 ACCION DE TUTELA TRANSITORIA-Reconocimiento pensi\u00f3n de invalidez mientras juez ordinario decide \u00a0 Referencia: expediente T-1067915 \u00a0 Acci\u00f3n de tutela instaurada por Luz Marina Sarmiento Celis contra La Previsora Vida S.A. \u00a0 Magistrado Ponente: \u00a0 Dr. ALVARO TAFUR GALVIS \u00a0 Bogot\u00e1 D. C., diecis\u00e9is (16) de junio de dos mil cinco (2005). \u00a0 La Sala ...<br \/><div class=\"pt-cv-rmwrap\"><a href=\"https:\/\/www.dmsjuridica.com\/buscador_20179478954\/corteconstitucionalcronologico202454587\/t-619-05\/\" class=\"_self pt-cv-readmore btn btn-success\" target=\"_self\">Ver Sentencia Completa...<\/a><\/div><\/div><\/div><\/div>\n<div class=\"col-md-12 col-sm-12 col-xs-12 pt-cv-content-item pt-cv-1-col\" ><div class='pt-cv-ifield'><a href=\"https:\/\/www.dmsjuridica.com\/buscador_20179478954\/corteconstitucionalcronologico202454587\/t-618-05\/\" class=\"_self pt-cv-href-thumbnail pt-cv-thumb-default\" target=\"_self\" ><\/a>\n<div class=\"pt-cv-taxoterm above_title\"><a href='https:\/\/www.dmsjuridica.com\/buscador_20179478954\/corteconstitucionalcronologico202454587\/category\/buscar-en-toda-la-corte\/2005\/tutelas-2005\/' title='Tutelas 2005' class='pt-cv-tax-tutelas-2005'>Tutelas 2005<\/a><\/div>\n<h4 class=\"pt-cv-title\"><a href=\"https:\/\/www.dmsjuridica.com\/buscador_20179478954\/corteconstitucionalcronologico202454587\/t-618-05\/\" class=\"_self\" target=\"_self\" >T-618-05<\/a><\/h4>\n<div class=\"pt-cv-content\">\u00a0 \u00a0 Sentencia T-618\/05 \u00a0 DERECHO A LA SALUD-Fundamental por conexidad con la vida\u00a0 \u00a0 INAPLICACION DE NORMAS DEL PLAN OBLIGATORIO DE SALUD-Hip\u00f3tesis f\u00e1cticas que la determinan \u00a0 ACCION DE TUTELA-Hecho superado por entrega de medicamentos \u00a0 DERECHO A LA SALUD-No autorizaci\u00f3n de cirug\u00eda refractiva con l\u00e1ser para tratar la hipermetrop\u00eda \u00a0 Referencia: expediente T-1064091 \u00a0 Magistrado Ponente: \u00a0 Dr. ALVARO TAFUR GALVIS \u00a0 Bogot\u00e1 D. C., diecis\u00e9is (16) de junio de dos mil cinco (2005). \u00a0 La Sala Octava de Revisi\u00f3n de la Corte Constitucional, integrada por los magistrados Clara In\u00e9s Vargas Hern\u00e1ndez, Jaime Araujo Renter\u00eda y \u00c1lvaro Tafur ...<br \/><div class=\"pt-cv-rmwrap\"><a href=\"https:\/\/www.dmsjuridica.com\/buscador_20179478954\/corteconstitucionalcronologico202454587\/t-618-05\/\" class=\"_self pt-cv-readmore btn btn-success\" target=\"_self\">Ver Sentencia Completa...<\/a><\/div><\/div><\/div><\/div>\n<div class=\"col-md-12 col-sm-12 col-xs-12 pt-cv-content-item pt-cv-1-col\" ><div class='pt-cv-ifield'><a href=\"https:\/\/www.dmsjuridica.com\/buscador_20179478954\/corteconstitucionalcronologico202454587\/t-617-05\/\" class=\"_self pt-cv-href-thumbnail pt-cv-thumb-default\" target=\"_self\" ><\/a>\n<div class=\"pt-cv-taxoterm above_title\"><a href='https:\/\/www.dmsjuridica.com\/buscador_20179478954\/corteconstitucionalcronologico202454587\/category\/buscar-en-toda-la-corte\/2005\/tutelas-2005\/' title='Tutelas 2005' class='pt-cv-tax-tutelas-2005'>Tutelas 2005<\/a><\/div>\n<h4 class=\"pt-cv-title\"><a href=\"https:\/\/www.dmsjuridica.com\/buscador_20179478954\/corteconstitucionalcronologico202454587\/t-617-05\/\" class=\"_self\" target=\"_self\" >T-617-05<\/a><\/h4>\n<div class=\"pt-cv-content\">\u00a0 \u00a0 Sentencia T-617\/05 \u00a0 DERECHO A LA VIVIENDA DIGNA-Fundamental por conexidad con la vida digna y el libre desarrollo de la personalidad\u00a0 \u00a0 PRINCIPIO DE LA BUENA FE-Soluciones de vivienda\/DERECHO A LA VIVIENDA DIGNA-Necesidad de adecuar los tr\u00e1mites y requisitos para acceder a planes de vivienda \u00a0 PRINCIPIO DE LA CONFIANZA LEGITIMA EN MATERIA DE VIVIENDA-Protecci\u00f3n en pol\u00edticas publicas de vivienda\/PRINCIPIO DE LA CONFIANZA LEGITIMA EN MATERIA DE VIVIENDA-Imposibilidad de despojarle la vivienda, otorgada por Metrovivienda, por falencias de la administraci\u00f3n\u00a0 \u00a0 En materia de confianza leg\u00edtima, la abundante jurisprudencia constitucional pone de manifiesto la responsabilidad de las autoridades ...<br \/><div class=\"pt-cv-rmwrap\"><a href=\"https:\/\/www.dmsjuridica.com\/buscador_20179478954\/corteconstitucionalcronologico202454587\/t-617-05\/\" class=\"_self pt-cv-readmore btn btn-success\" target=\"_self\">Ver Sentencia Completa...<\/a><\/div><\/div><\/div><\/div>\n<div class=\"col-md-12 col-sm-12 col-xs-12 pt-cv-content-item pt-cv-1-col\" ><div class='pt-cv-ifield'><a href=\"https:\/\/www.dmsjuridica.com\/buscador_20179478954\/corteconstitucionalcronologico202454587\/t-616-05\/\" class=\"_self pt-cv-href-thumbnail pt-cv-thumb-default\" target=\"_self\" ><\/a>\n<div class=\"pt-cv-taxoterm above_title\"><a href='https:\/\/www.dmsjuridica.com\/buscador_20179478954\/corteconstitucionalcronologico202454587\/category\/buscar-en-toda-la-corte\/2005\/tutelas-2005\/' title='Tutelas 2005' class='pt-cv-tax-tutelas-2005'>Tutelas 2005<\/a><\/div>\n<h4 class=\"pt-cv-title\"><a href=\"https:\/\/www.dmsjuridica.com\/buscador_20179478954\/corteconstitucionalcronologico202454587\/t-616-05\/\" class=\"_self\" target=\"_self\" >T-616-05<\/a><\/h4>\n<div class=\"pt-cv-content\">\u00a0 \u00a0 Sentencia T-616\/05 \u00a0 DERECHO A LA SALUD-Fundamental por conexidad con la vida digna\u00a0 \u00a0 INAPLICACION DE NORMAS DEL PLAN OBLIGATORIO DE SALUD-Hip\u00f3tesis f\u00e1cticas que la determinan \u00a0 Referencia: expediente T-1014873 \u00a0 Acci\u00f3n de tutela instaurada por Tr\u00e1nsito Dolores Sambon\u00ed Torres contra el Instituto de Seguros Sociales -Seccional Cauca-.\u00a0 \u00a0 Magistrado Ponente: \u00a0 Dr. ALVARO TAFUR GALVIS \u00a0 Bogot\u00e1 D. C., diecis\u00e9is (16) de junio de dos mil cinco (2005). \u00a0 La Sala Octava de Revisi\u00f3n de la Corte Constitucional, integrada por los magistrados Clara In\u00e9s Vargas Hern\u00e1ndez, Jaime Araujo Renter\u00eda y \u00c1lvaro Tafur Galvis, en ejercicio de sus ...<br \/><div class=\"pt-cv-rmwrap\"><a href=\"https:\/\/www.dmsjuridica.com\/buscador_20179478954\/corteconstitucionalcronologico202454587\/t-616-05\/\" class=\"_self pt-cv-readmore btn btn-success\" target=\"_self\">Ver Sentencia Completa...<\/a><\/div><\/div><\/div><\/div>\n<div class=\"col-md-12 col-sm-12 col-xs-12 pt-cv-content-item pt-cv-1-col\" ><div class='pt-cv-ifield'><a href=\"https:\/\/www.dmsjuridica.com\/buscador_20179478954\/corteconstitucionalcronologico202454587\/t-615-05\/\" class=\"_self pt-cv-href-thumbnail pt-cv-thumb-default\" target=\"_self\" ><\/a>\n<div class=\"pt-cv-taxoterm above_title\"><a href='https:\/\/www.dmsjuridica.com\/buscador_20179478954\/corteconstitucionalcronologico202454587\/category\/buscar-en-toda-la-corte\/2005\/tutelas-2005\/' title='Tutelas 2005' class='pt-cv-tax-tutelas-2005'>Tutelas 2005<\/a><\/div>\n<h4 class=\"pt-cv-title\"><a href=\"https:\/\/www.dmsjuridica.com\/buscador_20179478954\/corteconstitucionalcronologico202454587\/t-615-05\/\" class=\"_self\" target=\"_self\" >T-615-05<\/a><\/h4>\n<div class=\"pt-cv-content\">\u00a0 \u00a0 Sentencia T-615\/05\u00a0 \u00a0 LICENCIA DE MATERNIDAD-Pago por tutela cuando afecta el m\u00ednimo vital de la madre y su hijo\u00a0 \u00a0 LICENCIA DE MATERNIDAD-T\u00e9rmino para solicitar pago dentro del a\u00f1o siguiente al nacimiento del ni\u00f1o\u00a0 \u00a0 LICENCIA DE MATERNIDAD-Pago por allanamiento a la mora por EPS \u00a0 Referencia: Expedientes T-1097902. \u00a0 Acci\u00f3n de tutela presentada por la se\u00f1ora Tirza Lucero Motato.\u00a0 \u00a0 Procedencia: Juzgado Noveno Laboral del Circuito de Cali. \u00a0 Magistrado Ponente: \u00a0 Dr. ALFREDO BELTR\u00c1N SIERRA. \u00a0 Bogot\u00e1, D.C., diecis\u00e9is (16) de junio de dos mil cinco (2005). \u00a0 La Sala Segunda (2a.) de Revisi\u00f3n de la ...<br \/><div class=\"pt-cv-rmwrap\"><a href=\"https:\/\/www.dmsjuridica.com\/buscador_20179478954\/corteconstitucionalcronologico202454587\/t-615-05\/\" class=\"_self pt-cv-readmore btn btn-success\" target=\"_self\">Ver Sentencia Completa...<\/a><\/div><\/div><\/div><\/div>\n<div class=\"col-md-12 col-sm-12 col-xs-12 pt-cv-content-item pt-cv-1-col\" ><div class='pt-cv-ifield'><a href=\"https:\/\/www.dmsjuridica.com\/buscador_20179478954\/corteconstitucionalcronologico202454587\/t-614-05\/\" class=\"_self pt-cv-href-thumbnail pt-cv-thumb-default\" target=\"_self\" ><\/a>\n<div class=\"pt-cv-taxoterm above_title\"><a href='https:\/\/www.dmsjuridica.com\/buscador_20179478954\/corteconstitucionalcronologico202454587\/category\/buscar-en-toda-la-corte\/2005\/tutelas-2005\/' title='Tutelas 2005' class='pt-cv-tax-tutelas-2005'>Tutelas 2005<\/a><\/div>\n<h4 class=\"pt-cv-title\"><a href=\"https:\/\/www.dmsjuridica.com\/buscador_20179478954\/corteconstitucionalcronologico202454587\/t-614-05\/\" class=\"_self\" target=\"_self\" >T-614-05<\/a><\/h4>\n<div class=\"pt-cv-content\">\u00a0 \u00a0 Sentencia T-614\/05 \u00a0 DERECHO A LA SALUD-Fundamental por conexidad con la vida \u00a0 SISBEN-Errores en el sistema de selecci\u00f3n de beneficiarios no puede constituir una carga para ellos \u00a0 JUEZ DE TUTELA-Intervenci\u00f3n por irregularidades presentadas en procesos de selecci\u00f3n de beneficiarios en el SISBEN \u00a0 SISBEN-Elaboraci\u00f3n inmediata de nueva encuesta \u00a0 DERECHO A LA SALUD-Pr\u00e1ctica inmediata e \u00edntegra de ex\u00e1menes ordenados \u00a0 Acci\u00f3n de tutela instaurada por la se\u00f1ora Alcira Cadena Vasquez en representaci\u00f3n de la se\u00f1ora Graciela Vasquez, contra la Secretaria de Salud Municipal de Bogot\u00e1. \u00a0 Procedencia: Juzgado S\u00e9ptimo Municipal de Bogot\u00e1. \u00a0 Magistrado Ponente: \u00a0 ...<br \/><div class=\"pt-cv-rmwrap\"><a href=\"https:\/\/www.dmsjuridica.com\/buscador_20179478954\/corteconstitucionalcronologico202454587\/t-614-05\/\" class=\"_self pt-cv-readmore btn btn-success\" target=\"_self\">Ver Sentencia Completa...<\/a><\/div><\/div><\/div><\/div>\n<div class=\"col-md-12 col-sm-12 col-xs-12 pt-cv-content-item pt-cv-1-col\" ><div class='pt-cv-ifield'><a href=\"https:\/\/www.dmsjuridica.com\/buscador_20179478954\/corteconstitucionalcronologico202454587\/t-613-05\/\" class=\"_self pt-cv-href-thumbnail pt-cv-thumb-default\" target=\"_self\" ><\/a>\n<div class=\"pt-cv-taxoterm above_title\"><a href='https:\/\/www.dmsjuridica.com\/buscador_20179478954\/corteconstitucionalcronologico202454587\/category\/buscar-en-toda-la-corte\/2005\/tutelas-2005\/' title='Tutelas 2005' class='pt-cv-tax-tutelas-2005'>Tutelas 2005<\/a><\/div>\n<h4 class=\"pt-cv-title\"><a href=\"https:\/\/www.dmsjuridica.com\/buscador_20179478954\/corteconstitucionalcronologico202454587\/t-613-05\/\" class=\"_self\" target=\"_self\" >T-613-05<\/a><\/h4>\n<div class=\"pt-cv-content\">\u00a0 \u00a0 Sentencia T-613\/05 \u00a0 ACCION DE TUTELA CONTRA PROVIDENCIAS JUDICIALES POR VIA DE HECHO-Procedencia excepcional \u00a0 ACCION DE TUTELA CONTRA PROVIDENCIAS JUDICIALES POR VIA DE HECHO-Requisitos para que proceda \u00a0 ACCION DE TUTELA-Mecanismo subsidiario\/ACCION DE TUTELA-Procedencia aunque exista mecanismo de defensa por inexistencia de medidas de protecci\u00f3n inmediatas y eficaces\/ACCION DE TUTELA-Procedencia como mecanismo transitorio para evitar un perjuicio irremediable \u00a0 ACCION DE TUTELA CONTRA PROVIDENCIAS JUDICIALES-Improcedencia por existir otro mecanismo id\u00f3neo de defensa \u00a0 Referencia: expediente T-1069360 \u00a0 Peticionario: \u00a0Municipio de Santa Ana, Magdalena \u00a0 Magistrado Ponente: \u00a0 Dr. ALFREDO BELTR\u00c1N SIERRA \u00a0 La Sala Segunda de Revisi\u00f3n ...<br \/><div class=\"pt-cv-rmwrap\"><a href=\"https:\/\/www.dmsjuridica.com\/buscador_20179478954\/corteconstitucionalcronologico202454587\/t-613-05\/\" class=\"_self pt-cv-readmore btn btn-success\" target=\"_self\">Ver Sentencia Completa...<\/a><\/div><\/div><\/div><\/div>\n<div class=\"col-md-12 col-sm-12 col-xs-12 pt-cv-content-item pt-cv-1-col\" ><div class='pt-cv-ifield'><a href=\"https:\/\/www.dmsjuridica.com\/buscador_20179478954\/corteconstitucionalcronologico202454587\/t-612-05\/\" class=\"_self pt-cv-href-thumbnail pt-cv-thumb-default\" target=\"_self\" ><\/a>\n<div class=\"pt-cv-taxoterm above_title\"><a href='https:\/\/www.dmsjuridica.com\/buscador_20179478954\/corteconstitucionalcronologico202454587\/category\/buscar-en-toda-la-corte\/2005\/tutelas-2005\/' title='Tutelas 2005' class='pt-cv-tax-tutelas-2005'>Tutelas 2005<\/a><\/div>\n<h4 class=\"pt-cv-title\"><a href=\"https:\/\/www.dmsjuridica.com\/buscador_20179478954\/corteconstitucionalcronologico202454587\/t-612-05\/\" class=\"_self\" target=\"_self\" >T-612-05<\/a><\/h4>\n<div class=\"pt-cv-content\">PERSONERO MUNICIPAL-Legitimaci\u00f3n para interponer tutela \u00a0 DERECHO A LA SALUD-Fundamental por conexidad con la vida\u00a0 \u00a0 DERECHO A LA VIDA DIGNA-Cambio de pr\u00f3tesis de extremidad inferior \u00a0 DERECHO A LA SALUD-Suministro de pr\u00f3tesis de miembro inferior por ARS al encontrarse \u00e9sta incluida en el POSS \u00a0 En la sentencia T-078 del 3 de febrero de 2005 la Corte reiter\u00f3 nuevamente la interpretaci\u00f3n del art\u00edculo 12 en comento y sostuvo que la norma mencionada incluye las pr\u00f3tesis articulares de extremidades, es decir, la pr\u00f3tesis exomodular bajo rodilla con pie Sach IMP. Mediante Sentencia T-314 de 2005 esta Sala de Revisi\u00f3n orden\u00f3 ...<br \/><div class=\"pt-cv-rmwrap\"><a href=\"https:\/\/www.dmsjuridica.com\/buscador_20179478954\/corteconstitucionalcronologico202454587\/t-612-05\/\" class=\"_self pt-cv-readmore btn btn-success\" target=\"_self\">Ver Sentencia Completa...<\/a><\/div><\/div><\/div><\/div>\n<div class=\"col-md-12 col-sm-12 col-xs-12 pt-cv-content-item pt-cv-1-col\" ><div class='pt-cv-ifield'><a href=\"https:\/\/www.dmsjuridica.com\/buscador_20179478954\/corteconstitucionalcronologico202454587\/t-611-05\/\" class=\"_self pt-cv-href-thumbnail pt-cv-thumb-default\" target=\"_self\" ><\/a>\n<div class=\"pt-cv-taxoterm above_title\"><a href='https:\/\/www.dmsjuridica.com\/buscador_20179478954\/corteconstitucionalcronologico202454587\/category\/buscar-en-toda-la-corte\/2005\/tutelas-2005\/' title='Tutelas 2005' class='pt-cv-tax-tutelas-2005'>Tutelas 2005<\/a><\/div>\n<h4 class=\"pt-cv-title\"><a href=\"https:\/\/www.dmsjuridica.com\/buscador_20179478954\/corteconstitucionalcronologico202454587\/t-611-05\/\" class=\"_self\" target=\"_self\" >T-611-05<\/a><\/h4>\n<div class=\"pt-cv-content\">\u00a0 \u00a0 Sentencia T-611\/05 \u00a0 PRINCIPIO DE LA BUENA FE-Alcance\/ACTO PROPIO-Respeto \u00a0 DERECHO A LA INFORMACION-Redenominaci\u00f3n de cr\u00e9ditos hipotecarios \u00a0 FONDO NACIONAL DEL AHORRO-Deber de informar a usuarios la redenominaci\u00f3n de cr\u00e9ditos hipotecarios \u00a0 FONDO NACIONAL DEL AHORRO-Abuso de posici\u00f3n dominante\/FONDO NACIONAL DEL AHORRO-Modificaci\u00f3n unilateral de lo inicialmente pactado en el cr\u00e9dito \u00a0 FONDO NACIONAL DEL AHORRO-Vulneraci\u00f3n de derechos al modificar el cr\u00e9dito de pesos a UVR \u00a0 Reiteraci\u00f3n de Jurisprudencia \u00a0 Referencia: expedientes T-1086654, T-1096273 y T-1096274. \u00a0 Acciones de tutela instauradas por Ligia del Carmen Hern\u00e1ndez P\u00e9rez, Dany Esperanza Vargas \u00c1vila y Carlos Leonel Alfonso Cristancho contra el ...<br \/><div class=\"pt-cv-rmwrap\"><a href=\"https:\/\/www.dmsjuridica.com\/buscador_20179478954\/corteconstitucionalcronologico202454587\/t-611-05\/\" class=\"_self pt-cv-readmore btn btn-success\" target=\"_self\">Ver Sentencia Completa...<\/a><\/div><\/div><\/div><\/div>\n<div class=\"col-md-12 col-sm-12 col-xs-12 pt-cv-content-item pt-cv-1-col\" ><div class='pt-cv-ifield'><a href=\"https:\/\/www.dmsjuridica.com\/buscador_20179478954\/corteconstitucionalcronologico202454587\/t-610-05\/\" class=\"_self pt-cv-href-thumbnail pt-cv-thumb-default\" target=\"_self\" ><\/a>\n<div class=\"pt-cv-taxoterm above_title\"><a href='https:\/\/www.dmsjuridica.com\/buscador_20179478954\/corteconstitucionalcronologico202454587\/category\/buscar-en-toda-la-corte\/2005\/tutelas-2005\/' title='Tutelas 2005' class='pt-cv-tax-tutelas-2005'>Tutelas 2005<\/a><\/div>\n<h4 class=\"pt-cv-title\"><a href=\"https:\/\/www.dmsjuridica.com\/buscador_20179478954\/corteconstitucionalcronologico202454587\/t-610-05\/\" class=\"_self\" target=\"_self\" >T-610-05<\/a><\/h4>\n<div class=\"pt-cv-content\">\u00a0 \u00a0 Sentencia T-610\/05 \u00a0 DERECHO A LA SALUD-Fundamental por conexidad con la vida\u00a0 \u00a0 INAPLICACION DE NORMAS DEL PLAN OBLIGATORIO DE SALUD-Hip\u00f3tesis f\u00e1cticas que la determinan\u00a0 \u00a0 DERECHO A LA VIDA-Realizaci\u00f3n por el POS de examen de carga viral para hepatitis B \u00a0 La Corte Constitucional ha establecido que en los eventos en los cuales el derecho a la salud en conexidad con la vida se encuentre grave y directamente comprometido, a causa de la negaci\u00f3n al acceso a prestaciones de salud como operaciones, tratamientos, diagn\u00f3sticos, drogas, y ex\u00e1menes, por no encontrarse dentro del POS, las normas que contemplen ...<br \/><div class=\"pt-cv-rmwrap\"><a href=\"https:\/\/www.dmsjuridica.com\/buscador_20179478954\/corteconstitucionalcronologico202454587\/t-610-05\/\" class=\"_self pt-cv-readmore btn btn-success\" target=\"_self\">Ver Sentencia Completa...<\/a><\/div><\/div><\/div><\/div>\n<div class=\"col-md-12 col-sm-12 col-xs-12 pt-cv-content-item pt-cv-1-col\" ><div class='pt-cv-ifield'><a href=\"https:\/\/www.dmsjuridica.com\/buscador_20179478954\/corteconstitucionalcronologico202454587\/t-609-05\/\" class=\"_self pt-cv-href-thumbnail pt-cv-thumb-default\" target=\"_self\" ><\/a>\n<div class=\"pt-cv-taxoterm above_title\"><a href='https:\/\/www.dmsjuridica.com\/buscador_20179478954\/corteconstitucionalcronologico202454587\/category\/buscar-en-toda-la-corte\/2005\/tutelas-2005\/' title='Tutelas 2005' class='pt-cv-tax-tutelas-2005'>Tutelas 2005<\/a><\/div>\n<h4 class=\"pt-cv-title\"><a href=\"https:\/\/www.dmsjuridica.com\/buscador_20179478954\/corteconstitucionalcronologico202454587\/t-609-05\/\" class=\"_self\" target=\"_self\" >T-609-05<\/a><\/h4>\n<div class=\"pt-cv-content\">\u00a0 \u00a0 Sentencia T-609\/05 \u00a0 ACCION DE TUTELA-Agotamiento previo de recursos ordinarios \u00a0 ACCION DE TUTELA-Procedencia aunque exista mecanismo de defensa por inexistencia de medidas de protecci\u00f3n inmediatas y eficaces\/ACCION DE TUTELA-Procedencia como mecanismo transitorio para evitar un perjuicio irremediable \u00a0 En principio la presente acci\u00f3n no resulta ser procedente, pues, como arriba se dijo, ella no fue establecida como instancia alterna, paralela o coet\u00e1nea con los mecanismos ordinarios de defensa judicial. Ciertamente, lo que el demandante alega ante la jurisdicci\u00f3n constitucional (la existencia de una v\u00eda de hecho en la actuaci\u00f3n de la Contralor\u00eda), puede ser \u00a0planteado dentro del ...<br \/><div class=\"pt-cv-rmwrap\"><a href=\"https:\/\/www.dmsjuridica.com\/buscador_20179478954\/corteconstitucionalcronologico202454587\/t-609-05\/\" class=\"_self pt-cv-readmore btn btn-success\" target=\"_self\">Ver Sentencia Completa...<\/a><\/div><\/div><\/div><\/div>\n<div class=\"col-md-12 col-sm-12 col-xs-12 pt-cv-content-item pt-cv-1-col\" ><div class='pt-cv-ifield'><a href=\"https:\/\/www.dmsjuridica.com\/buscador_20179478954\/corteconstitucionalcronologico202454587\/t-608-05\/\" class=\"_self pt-cv-href-thumbnail pt-cv-thumb-default\" target=\"_self\" ><\/a>\n<div class=\"pt-cv-taxoterm above_title\"><a href='https:\/\/www.dmsjuridica.com\/buscador_20179478954\/corteconstitucionalcronologico202454587\/category\/buscar-en-toda-la-corte\/2005\/tutelas-2005\/' title='Tutelas 2005' class='pt-cv-tax-tutelas-2005'>Tutelas 2005<\/a><\/div>\n<h4 class=\"pt-cv-title\"><a href=\"https:\/\/www.dmsjuridica.com\/buscador_20179478954\/corteconstitucionalcronologico202454587\/t-608-05\/\" class=\"_self\" target=\"_self\" >T-608-05<\/a><\/h4>\n<div class=\"pt-cv-content\">\u00a0 \u00a0 Sentencia T-608\/05 \u00a0 DERECHO DE PETICION-Negligencia de las autoridades en dar respuesta de fondo y efectiva \u00a0 REGISTRADURIA NACIONAL DEL ESTADO CIVIL-Derecho de petici\u00f3n se satisface con la expedici\u00f3n y entrega de c\u00e9dula. \u00a0 Referencia: expediente T-1073747 \u00a0 Peticionario: Alfredo Leonardo Baldovino Barrios \u00a0 Procedencia: Tribunal Superior de Distrito Judicial del Atl\u00e1ntico \u00a0 Magistrado Ponente:\u00a0 \u00a0 Dr. MARCO GERARDO MONROY CABRA \u00a0 Bogot\u00e1 D.C., \u00a0nueve (9) de junio de dos mil cinco (2005) \u00a0 La Sala Sexta de Revisi\u00f3n de tutelas de la Corte Constitucional, conformada por los magistrados Marco Gerardo Monroy Cabra \u2013quien la preside-, Humberto Antonio ...<br \/><div class=\"pt-cv-rmwrap\"><a href=\"https:\/\/www.dmsjuridica.com\/buscador_20179478954\/corteconstitucionalcronologico202454587\/t-608-05\/\" class=\"_self pt-cv-readmore btn btn-success\" target=\"_self\">Ver Sentencia Completa...<\/a><\/div><\/div><\/div><\/div>\n<div class=\"col-md-12 col-sm-12 col-xs-12 pt-cv-content-item pt-cv-1-col\" ><div class='pt-cv-ifield'><a href=\"https:\/\/www.dmsjuridica.com\/buscador_20179478954\/corteconstitucionalcronologico202454587\/t-607-05\/\" class=\"_self pt-cv-href-thumbnail pt-cv-thumb-default\" target=\"_self\" ><\/a>\n<div class=\"pt-cv-taxoterm above_title\"><a href='https:\/\/www.dmsjuridica.com\/buscador_20179478954\/corteconstitucionalcronologico202454587\/category\/buscar-en-toda-la-corte\/2005\/tutelas-2005\/' title='Tutelas 2005' class='pt-cv-tax-tutelas-2005'>Tutelas 2005<\/a><\/div>\n<h4 class=\"pt-cv-title\"><a href=\"https:\/\/www.dmsjuridica.com\/buscador_20179478954\/corteconstitucionalcronologico202454587\/t-607-05\/\" class=\"_self\" target=\"_self\" >T-607-05<\/a><\/h4>\n<div class=\"pt-cv-content\">\u00a0 \u00a0 Sentencia T-607\/05 \u00a0 ACCION DE TUTELA-Improcedencia general sobre controversias laborales\/ACCION DE TUTELA-Condiciones para procedencia excepcional sobre controversias laborales \u00a0 DERECHO A LAS VACACIONES ANUALES REMUNERADAS-Regulaci\u00f3n distinta a efectos de la compensaci\u00f3n en dinero por fracci\u00f3n de tiempo \u00a0 Referencia: T-1067298 y\u00a0 \u00a0 T-1069742 \u00a0 Peticionarios: Juan Ram\u00f3n P\u00e9rez Chicue y Gloria Elena Urrea Palau \u00a0 Accionado: Direcci\u00f3n Ejecutiva Seccional de Administraci\u00f3n Judicial del Valle del Cauca \u00a0 Magistrado Ponente:\u00a0 \u00a0 Dr. MARCO GERARDO MONROY CABRA \u00a0 Bogot\u00e1 D.C., nueve (9) de junio de dos mil cinco (2005) \u00a0 SENTENCIA \u00a0 En la revisi\u00f3n de los fallos de tutela ...<br \/><div class=\"pt-cv-rmwrap\"><a href=\"https:\/\/www.dmsjuridica.com\/buscador_20179478954\/corteconstitucionalcronologico202454587\/t-607-05\/\" class=\"_self pt-cv-readmore btn btn-success\" target=\"_self\">Ver Sentencia Completa...<\/a><\/div><\/div><\/div><\/div>\n<div class=\"col-md-12 col-sm-12 col-xs-12 pt-cv-content-item pt-cv-1-col\" ><div class='pt-cv-ifield'><a href=\"https:\/\/www.dmsjuridica.com\/buscador_20179478954\/corteconstitucionalcronologico202454587\/t-606-05\/\" class=\"_self pt-cv-href-thumbnail pt-cv-thumb-default\" target=\"_self\" ><\/a>\n<div class=\"pt-cv-taxoterm above_title\"><a href='https:\/\/www.dmsjuridica.com\/buscador_20179478954\/corteconstitucionalcronologico202454587\/category\/buscar-en-toda-la-corte\/2005\/tutelas-2005\/' title='Tutelas 2005' class='pt-cv-tax-tutelas-2005'>Tutelas 2005<\/a><\/div>\n<h4 class=\"pt-cv-title\"><a href=\"https:\/\/www.dmsjuridica.com\/buscador_20179478954\/corteconstitucionalcronologico202454587\/t-606-05\/\" class=\"_self\" target=\"_self\" >T-606-05<\/a><\/h4>\n<div class=\"pt-cv-content\">\u00a0 \u00a0 Sentencia T-606\/05 \u00a0 ACCION DE TUTELA TRANSITORIA-Procedencia excepcional para ordenar reconocimiento de pensiones \u00a0 ACCION DE TUTELA TRANSITORIA PARA RECONOCIMIENTO DE SUSTITUCION PENSIONAL-Improcedente por no demostrar perjuicio irremediable\/ACCION DE TUTELA TRANSITORIA PARA RECONOCIMIENTO DE SUSTITUCION PENSIONAL-Improcedente por no reunir los requisitos desde el momento del deceso del causante \u00a0 Referencia: expediente T-1066093 \u00a0 Accionante: Yenny Paola Rangel Aponte\u00a0 \u00a0 Accionado: Caja Agraria en liquidaci\u00f3n \u00a0 \u00a0 \u00a0 Magistrado Ponente:\u00a0 \u00a0 Dr. MARCO GERARDO MONROY CABRA \u00a0 Bogot\u00e1, D. C., nueve (9) de junio de dos mil cinco (2005). \u00a0 La Sala Sexta de Revisi\u00f3n de la Corte Constitucional, ...<br \/><div class=\"pt-cv-rmwrap\"><a href=\"https:\/\/www.dmsjuridica.com\/buscador_20179478954\/corteconstitucionalcronologico202454587\/t-606-05\/\" class=\"_self pt-cv-readmore btn btn-success\" target=\"_self\">Ver Sentencia Completa...<\/a><\/div><\/div><\/div><\/div>\n<div class=\"col-md-12 col-sm-12 col-xs-12 pt-cv-content-item pt-cv-1-col\" ><div class='pt-cv-ifield'><a href=\"https:\/\/www.dmsjuridica.com\/buscador_20179478954\/corteconstitucionalcronologico202454587\/t-605-05\/\" class=\"_self pt-cv-href-thumbnail pt-cv-thumb-default\" target=\"_self\" ><\/a>\n<div class=\"pt-cv-taxoterm above_title\"><a href='https:\/\/www.dmsjuridica.com\/buscador_20179478954\/corteconstitucionalcronologico202454587\/category\/buscar-en-toda-la-corte\/2005\/tutelas-2005\/' title='Tutelas 2005' class='pt-cv-tax-tutelas-2005'>Tutelas 2005<\/a><\/div>\n<h4 class=\"pt-cv-title\"><a href=\"https:\/\/www.dmsjuridica.com\/buscador_20179478954\/corteconstitucionalcronologico202454587\/t-605-05\/\" class=\"_self\" target=\"_self\" >T-605-05<\/a><\/h4>\n<div class=\"pt-cv-content\">\u00a0 \u00a0 Sentencia T-605\/05 \u00a0 ACCION DE TUTELA-Improcedencia para ordenar reconocimiento de pensiones\/ACCION DE TUTELA TRANSITORIA PARA RELIQUIDACION PENSIONAL-Existencia de perjuicio irremediable \u00a0 PERSONA DE LA TERCERA EDAD-Protecci\u00f3n especial\u00a0 \u00a0 DERECHO A LA IGUALDAD EN PENSION DE FUNCIONARIOS DE PLANTA EXTERNA DEL MINISTERIO DE RELACIONES EXTERIORES-Trato discriminatorio por c\u00e1lculo de manera distinta al resto de servidores p\u00fablicos \u00a0 REGIMEN PRESTACIONAL DE FUNCIONARIOS VINCULADOS AL SERVICIO DIPLOMATICO-Se requiere amplio debate probatorio \u00a0 Referencia: expediente T-1047009 \u00a0 Demandante: Rub\u00e9n Dar\u00edo Parra Contreras \u00a0 Procedencia: Tribunal Superior de Distrito Judicial de Bogot\u00e1, Sala Civil. \u00a0 Magistrado Ponente: \u00a0 Dr. MARCO GERARDO MONROY CABRA ...<br \/><div class=\"pt-cv-rmwrap\"><a href=\"https:\/\/www.dmsjuridica.com\/buscador_20179478954\/corteconstitucionalcronologico202454587\/t-605-05\/\" class=\"_self pt-cv-readmore btn btn-success\" target=\"_self\">Ver Sentencia Completa...<\/a><\/div><\/div><\/div><\/div>\n<div class=\"col-md-12 col-sm-12 col-xs-12 pt-cv-content-item pt-cv-1-col\" ><div class='pt-cv-ifield'><a href=\"https:\/\/www.dmsjuridica.com\/buscador_20179478954\/corteconstitucionalcronologico202454587\/t-604-05\/\" class=\"_self pt-cv-href-thumbnail pt-cv-thumb-default\" target=\"_self\" ><\/a>\n<div class=\"pt-cv-taxoterm above_title\"><a href='https:\/\/www.dmsjuridica.com\/buscador_20179478954\/corteconstitucionalcronologico202454587\/category\/buscar-en-toda-la-corte\/2005\/tutelas-2005\/' title='Tutelas 2005' class='pt-cv-tax-tutelas-2005'>Tutelas 2005<\/a><\/div>\n<h4 class=\"pt-cv-title\"><a href=\"https:\/\/www.dmsjuridica.com\/buscador_20179478954\/corteconstitucionalcronologico202454587\/t-604-05\/\" class=\"_self\" target=\"_self\" >T-604-05<\/a><\/h4>\n<div class=\"pt-cv-content\">\u00a0 \u00a0 Sentencia T-604\/05 \u00a0 PROCEDIMIENTO ADMINISTRATIVO DE COBRO COACTIVO-Recaudo forzoso de cr\u00e9ditos fiscales sin necesidad de acudir a los jueces \u00a0 Por regla general, la decisi\u00f3n sobre el cobro de deudas patrimoniales se debe efectuar a trav\u00e9s de los jueces de la Rep\u00fablica. \u00a0Sin embargo, trat\u00e1ndose de deudas de car\u00e1cter fiscal, tal pauta goza de una excepci\u00f3n que encuentra soporte en los art\u00edculos 2, 189 numeral 20, 209, 238 y 365 de la Constituci\u00f3n Pol\u00edtica, en los que se autoriza a la administraci\u00f3n para que adelante el cobro independiente de las obligaciones a favor de la Naci\u00f3n, a trav\u00e9s ...<br \/><div class=\"pt-cv-rmwrap\"><a href=\"https:\/\/www.dmsjuridica.com\/buscador_20179478954\/corteconstitucionalcronologico202454587\/t-604-05\/\" class=\"_self pt-cv-readmore btn btn-success\" target=\"_self\">Ver Sentencia Completa...<\/a><\/div><\/div><\/div><\/div>\n<div class=\"col-md-12 col-sm-12 col-xs-12 pt-cv-content-item pt-cv-1-col\" ><div class='pt-cv-ifield'><a href=\"https:\/\/www.dmsjuridica.com\/buscador_20179478954\/corteconstitucionalcronologico202454587\/t-603-05\/\" class=\"_self pt-cv-href-thumbnail pt-cv-thumb-default\" target=\"_self\" ><\/a>\n<div class=\"pt-cv-taxoterm above_title\"><a href='https:\/\/www.dmsjuridica.com\/buscador_20179478954\/corteconstitucionalcronologico202454587\/category\/buscar-en-toda-la-corte\/2005\/tutelas-2005\/' title='Tutelas 2005' class='pt-cv-tax-tutelas-2005'>Tutelas 2005<\/a><\/div>\n<h4 class=\"pt-cv-title\"><a href=\"https:\/\/www.dmsjuridica.com\/buscador_20179478954\/corteconstitucionalcronologico202454587\/t-603-05\/\" class=\"_self\" target=\"_self\" >T-603-05<\/a><\/h4>\n<div class=\"pt-cv-content\">\u00a0 \u00a0 Sentencia T-603\/05 \u00a0 ACCION DE TUTELA-Presentaci\u00f3n por menor de edad \u00a0 COMUNIDAD INDIGENA Y CABILDO INDIGENA-Conceptos \u00a0 PRINCIPIO DE DIVERSIDAD ETNICA Y CULTURAL-Reconocimiento constitucional \u00a0 COMUNIDAD INDIGENA-Protecci\u00f3n en el \u00e1mbito internacional\/ DERECHO DE PARTICIPACION DE COMUNIDAD IND\u00cdGENA-Reconocimiento en convenio internacional \u00a0 En el plano del derecho internacional, el Convenio 169 de la OIT sobre pueblos ind\u00edgenas y tribales en pa\u00edses independientes, ratificado por nuestro pa\u00eds mediante la Ley 21 de 1991, se refiere a la autonom\u00eda de las comunidades ind\u00edgenas \u00a0y el reconocimiento de los derechos fundamentales constitucionales en sus territorios, como l\u00edmite al principio de diversidad \u00e9tnica, ...<br \/><div class=\"pt-cv-rmwrap\"><a href=\"https:\/\/www.dmsjuridica.com\/buscador_20179478954\/corteconstitucionalcronologico202454587\/t-603-05\/\" class=\"_self pt-cv-readmore btn btn-success\" target=\"_self\">Ver Sentencia Completa...<\/a><\/div><\/div><\/div><\/div>\n<div class=\"col-md-12 col-sm-12 col-xs-12 pt-cv-content-item pt-cv-1-col\" ><div class='pt-cv-ifield'><a href=\"https:\/\/www.dmsjuridica.com\/buscador_20179478954\/corteconstitucionalcronologico202454587\/t-602-05\/\" class=\"_self pt-cv-href-thumbnail pt-cv-thumb-default\" target=\"_self\" ><\/a>\n<div class=\"pt-cv-taxoterm above_title\"><a href='https:\/\/www.dmsjuridica.com\/buscador_20179478954\/corteconstitucionalcronologico202454587\/category\/buscar-en-toda-la-corte\/2005\/tutelas-2005\/' title='Tutelas 2005' class='pt-cv-tax-tutelas-2005'>Tutelas 2005<\/a><\/div>\n<h4 class=\"pt-cv-title\"><a href=\"https:\/\/www.dmsjuridica.com\/buscador_20179478954\/corteconstitucionalcronologico202454587\/t-602-05\/\" class=\"_self\" target=\"_self\" >T-602-05<\/a><\/h4>\n<div class=\"pt-cv-content\">\u00a0 \u00a0 Sentencia T-602\/05 \u00a0 ACCIONES AFIRMATIVAS-Protecci\u00f3n especial a personas disminuidas f\u00edsica o ps\u00edquicamente \u00a0 Lo que se ha denominado \u201cacciones afirmativas\u201d, cuyo prop\u00f3sito no es otro que\u00a0 favorecer a determinadas personas o grupos, bien para eliminar o reducir las desigualdades de tipo social, cultural o econ\u00f3mico que los afectan, o bien para conseguir que los miembros de un grupo discriminado tengan una mayor representaci\u00f3n, en el escenario pol\u00edtico o social. Ahora bien, hist\u00f3ricamente las personas que padecen de alguna disminuci\u00f3n f\u00edsica o ps\u00edquica han sido objeto de conductas de marginalizaci\u00f3n \u00a0y discriminaci\u00f3n. \u00a0Dentro del marco del Estado Social de ...<br \/><div class=\"pt-cv-rmwrap\"><a href=\"https:\/\/www.dmsjuridica.com\/buscador_20179478954\/corteconstitucionalcronologico202454587\/t-602-05\/\" class=\"_self pt-cv-readmore btn btn-success\" target=\"_self\">Ver Sentencia Completa...<\/a><\/div><\/div><\/div><\/div>\n<div class=\"col-md-12 col-sm-12 col-xs-12 pt-cv-content-item pt-cv-1-col\" ><div class='pt-cv-ifield'><a href=\"https:\/\/www.dmsjuridica.com\/buscador_20179478954\/corteconstitucionalcronologico202454587\/t-601-05\/\" class=\"_self pt-cv-href-thumbnail pt-cv-thumb-default\" target=\"_self\" ><\/a>\n<div class=\"pt-cv-taxoterm above_title\"><a href='https:\/\/www.dmsjuridica.com\/buscador_20179478954\/corteconstitucionalcronologico202454587\/category\/buscar-en-toda-la-corte\/2005\/tutelas-2005\/' title='Tutelas 2005' class='pt-cv-tax-tutelas-2005'>Tutelas 2005<\/a><\/div>\n<h4 class=\"pt-cv-title\"><a href=\"https:\/\/www.dmsjuridica.com\/buscador_20179478954\/corteconstitucionalcronologico202454587\/t-601-05\/\" class=\"_self\" target=\"_self\" >T-601-05<\/a><\/h4>\n<div class=\"pt-cv-content\">\u00a0 \u00a0 Sentencia T-601\/05 \u00a0 DERECHO A LA SALUD DEL SOLDADO RETIRADO-Protecci\u00f3n por autoridades militares\/FUERZAS MILITARES Y POLICIA NACIONAL-Derechos del personal tienen un plus constitucional de protecci\u00f3n \u00a0 DERECHO A LA SALUD-Continuidad atenci\u00f3n m\u00e9dica por adquirir incapacidad durante servicio militar\/MEDIO DE DEFENSA JUDICIAL-Eventuales prestaciones de quien adquiri\u00f3 incapacidad al prestar servicio militar\/DERECHO A LA SALUD-Protecci\u00f3n de quien prest\u00f3 servicio militar al encontrarse en circunstancia de debilidad manifiesta \u00a0 Las Fuerzas Militares y la Polic\u00eda Nacional tienen la obligaci\u00f3n de continuar prestando el servicio m\u00e9dico, a la persona que estando en retiro lo necesite, cuando i.) el afectado estaba vinculado a ...<br \/><div class=\"pt-cv-rmwrap\"><a href=\"https:\/\/www.dmsjuridica.com\/buscador_20179478954\/corteconstitucionalcronologico202454587\/t-601-05\/\" class=\"_self pt-cv-readmore btn btn-success\" target=\"_self\">Ver Sentencia Completa...<\/a><\/div><\/div><\/div><\/div>\n<div class=\"col-md-12 col-sm-12 col-xs-12 pt-cv-content-item pt-cv-1-col\" ><div class='pt-cv-ifield'><a href=\"https:\/\/www.dmsjuridica.com\/buscador_20179478954\/corteconstitucionalcronologico202454587\/t-600-05\/\" class=\"_self pt-cv-href-thumbnail pt-cv-thumb-default\" target=\"_self\" ><\/a>\n<div class=\"pt-cv-taxoterm above_title\"><a href='https:\/\/www.dmsjuridica.com\/buscador_20179478954\/corteconstitucionalcronologico202454587\/category\/buscar-en-toda-la-corte\/2005\/tutelas-2005\/' title='Tutelas 2005' class='pt-cv-tax-tutelas-2005'>Tutelas 2005<\/a><\/div>\n<h4 class=\"pt-cv-title\"><a href=\"https:\/\/www.dmsjuridica.com\/buscador_20179478954\/corteconstitucionalcronologico202454587\/t-600-05\/\" class=\"_self\" target=\"_self\" >T-600-05<\/a><\/h4>\n<div class=\"pt-cv-content\">\u00a0 \u00a0 Sentencia T-600\/05 \u00a0 DERECHO DE PETICION EN MATERIA PENSIONAL-T\u00e9rmino de quince d\u00edas para informar estado del tr\u00e1mite o copias de documentos\/DERECHO DE PETICION EN MATERIA PENSIONAL-T\u00e9rmino de cuatro y seis meses para resolver reconocimiento y pago \u00a0 DERECHO DE PETICION-Falta de claridad sobre el r\u00e9gimen jur\u00eddico aplicable no justifica no dar respuesta precisa y de fondo\/DERECHO DE PETICION EN MATERIA PENSIONAL-Trabajador que por escisi\u00f3n del Seguro Social pas\u00f3 a Empresa Social del Estado \u00a0 EMPRESA SOCIAL DEL ESTADO-Resoluci\u00f3n de fondo sobre la existencia del derecho a la pensi\u00f3n\u00a0 \u00a0 Referencia: expediente T-1000664 \u00a0 Acci\u00f3n de tutela instaurada por ...<br \/><div class=\"pt-cv-rmwrap\"><a href=\"https:\/\/www.dmsjuridica.com\/buscador_20179478954\/corteconstitucionalcronologico202454587\/t-600-05\/\" class=\"_self pt-cv-readmore btn btn-success\" target=\"_self\">Ver Sentencia Completa...<\/a><\/div><\/div><\/div><\/div>\n<div class=\"col-md-12 col-sm-12 col-xs-12 pt-cv-content-item pt-cv-1-col\" ><div class='pt-cv-ifield'><a href=\"https:\/\/www.dmsjuridica.com\/buscador_20179478954\/corteconstitucionalcronologico202454587\/t-599-05\/\" class=\"_self pt-cv-href-thumbnail pt-cv-thumb-default\" target=\"_self\" ><\/a>\n<div class=\"pt-cv-taxoterm above_title\"><a href='https:\/\/www.dmsjuridica.com\/buscador_20179478954\/corteconstitucionalcronologico202454587\/category\/buscar-en-toda-la-corte\/2005\/tutelas-2005\/' title='Tutelas 2005' class='pt-cv-tax-tutelas-2005'>Tutelas 2005<\/a><\/div>\n<h4 class=\"pt-cv-title\"><a href=\"https:\/\/www.dmsjuridica.com\/buscador_20179478954\/corteconstitucionalcronologico202454587\/t-599-05\/\" class=\"_self\" target=\"_self\" >T-599-05<\/a><\/h4>\n<div class=\"pt-cv-content\">\u00a0 \u00a0 Sentencia T-599\/05 \u00a0 DERECHO A LA PENSION DE JUBILACION-Fundamental por conexidad\u00a0 \u00a0 LEY-Igualdad y confianza leg\u00edtima en su aplicaci\u00f3n\/DERECHOS DEL PENSIONADO A MANTENER EL PODER ADQUISITIVO DE LA MESADA-Procedencia de su reconocimiento\/INDEXACION DE LA PRIMERA MESADA PENSIONAL \u00a0 DERECHO DE PETICION EN MATERIA PENSIONAL-Deber de las entidades administradoras de pensiones de dar respuesta de fondo \u00a0 Quiere decir lo expuesto que si algunos pensionados creen tener derecho a la indexaci\u00f3n de su primera mesada pensional, porque esta Corte emiti\u00f3 una sentencia de unificaci\u00f3n al respecto y lo reclaman, la administradora de la prestaci\u00f3n no podr\u00eda sino emitir un ...<br \/><div class=\"pt-cv-rmwrap\"><a href=\"https:\/\/www.dmsjuridica.com\/buscador_20179478954\/corteconstitucionalcronologico202454587\/t-599-05\/\" class=\"_self pt-cv-readmore btn btn-success\" target=\"_self\">Ver Sentencia Completa...<\/a><\/div><\/div><\/div><\/div>\n<div class=\"col-md-12 col-sm-12 col-xs-12 pt-cv-content-item pt-cv-1-col\" ><div class='pt-cv-ifield'><a href=\"https:\/\/www.dmsjuridica.com\/buscador_20179478954\/corteconstitucionalcronologico202454587\/t-598-05\/\" class=\"_self pt-cv-href-thumbnail pt-cv-thumb-default\" target=\"_self\" ><\/a>\n<div class=\"pt-cv-taxoterm above_title\"><a href='https:\/\/www.dmsjuridica.com\/buscador_20179478954\/corteconstitucionalcronologico202454587\/category\/buscar-en-toda-la-corte\/2005\/tutelas-2005\/' title='Tutelas 2005' class='pt-cv-tax-tutelas-2005'>Tutelas 2005<\/a><\/div>\n<h4 class=\"pt-cv-title\"><a href=\"https:\/\/www.dmsjuridica.com\/buscador_20179478954\/corteconstitucionalcronologico202454587\/t-598-05\/\" class=\"_self\" target=\"_self\" >T-598-05<\/a><\/h4>\n<div class=\"pt-cv-content\">\u00a0 \u00a0 Sentencia T-598\/05 \u00a0 DERECHO A LA SALUD-Fundamental por conexidad con la vida digna \u00a0 PERSONA DISMINUIDA F\u00cdSICA O PSIQUICAMENTE-Protecci\u00f3n especial\u00a0 \u00a0 INAPLICACION DE NORMAS DEL PLAN OBLIGATORIO DE SALUD-Hip\u00f3tesis f\u00e1cticas que la determinan\u00a0 \u00a0 DERECHO A LA SALUD DEL DISCAPACITADO-Transporte para atenci\u00f3n m\u00e9dica\/DERECHO A LA SALUD-Casos en que procede pago de transporte para acompa\u00f1ante \u00a0 Referencia: expediente T-1055227 \u00a0 Acci\u00f3n de tutela instaurada por Myriam Z\u00fa\u00f1iga Urrego contra COOMEVA EPS. \u00a0 Dr. ALVARO TAFUR GALVIS \u00a0 Bogot\u00e1 D. C., nueve (9) de junio de dos mil cinco (2005). \u00a0 La Sala Octava de Revisi\u00f3n de la Corte Constitucional, ...<br \/><div class=\"pt-cv-rmwrap\"><a href=\"https:\/\/www.dmsjuridica.com\/buscador_20179478954\/corteconstitucionalcronologico202454587\/t-598-05\/\" class=\"_self pt-cv-readmore btn btn-success\" target=\"_self\">Ver Sentencia Completa...<\/a><\/div><\/div><\/div><\/div>\n<div class=\"col-md-12 col-sm-12 col-xs-12 pt-cv-content-item pt-cv-1-col\" ><div class='pt-cv-ifield'><a href=\"https:\/\/www.dmsjuridica.com\/buscador_20179478954\/corteconstitucionalcronologico202454587\/t-597-05\/\" class=\"_self pt-cv-href-thumbnail pt-cv-thumb-default\" target=\"_self\" ><\/a>\n<div class=\"pt-cv-taxoterm above_title\"><a href='https:\/\/www.dmsjuridica.com\/buscador_20179478954\/corteconstitucionalcronologico202454587\/category\/buscar-en-toda-la-corte\/2005\/tutelas-2005\/' title='Tutelas 2005' class='pt-cv-tax-tutelas-2005'>Tutelas 2005<\/a><\/div>\n<h4 class=\"pt-cv-title\"><a href=\"https:\/\/www.dmsjuridica.com\/buscador_20179478954\/corteconstitucionalcronologico202454587\/t-597-05\/\" class=\"_self\" target=\"_self\" >T-597-05<\/a><\/h4>\n<div class=\"pt-cv-content\">\u00a0 \u00a0 Sentencia T-597\/05 \u00a0 MUJER EMBARAZADA-Protecci\u00f3n constitucional especial \u00a0 LICENCIA DE MATERNIDAD-Procedencia excepcional de tutela para el pago\/LICENCIA DE MATERNIDAD-Pago por tutela cuando afecta el m\u00ednimo vital de la madre y su hijo \u00a0 LICENCIA DE MATERNIDAD-Pago por allanamiento a la mora por EPS \u00a0 Referencia: expediente T-1098796. \u00a0 Acci\u00f3n de tutela instaurada por Maria Eugenia G\u00f3mez L\u00f3pez contra Saludcoop EPS seccional Monter\u00eda. \u00a0 Procedencia: Juzgado Cuarto Civil Municipal de Monter\u00eda. \u00a0 Magistrado Ponente:\u00a0 \u00a0 Dr. ALFREDO BELTR\u00c1N SIERRA. \u00a0 Bogot\u00e1, D. C., nueve (9) de junio de dos mil cinco (2005). \u00a0 La Sala Segunda (2a.) de Revisi\u00f3n ...<br \/><div class=\"pt-cv-rmwrap\"><a href=\"https:\/\/www.dmsjuridica.com\/buscador_20179478954\/corteconstitucionalcronologico202454587\/t-597-05\/\" class=\"_self pt-cv-readmore btn btn-success\" target=\"_self\">Ver Sentencia Completa...<\/a><\/div><\/div><\/div><\/div>\n<div class=\"col-md-12 col-sm-12 col-xs-12 pt-cv-content-item pt-cv-1-col\" ><div class='pt-cv-ifield'><a href=\"https:\/\/www.dmsjuridica.com\/buscador_20179478954\/corteconstitucionalcronologico202454587\/t-596-05\/\" class=\"_self pt-cv-href-thumbnail pt-cv-thumb-default\" target=\"_self\" ><\/a>\n<div class=\"pt-cv-taxoterm above_title\"><a href='https:\/\/www.dmsjuridica.com\/buscador_20179478954\/corteconstitucionalcronologico202454587\/category\/buscar-en-toda-la-corte\/2005\/tutelas-2005\/' title='Tutelas 2005' class='pt-cv-tax-tutelas-2005'>Tutelas 2005<\/a><\/div>\n<h4 class=\"pt-cv-title\"><a href=\"https:\/\/www.dmsjuridica.com\/buscador_20179478954\/corteconstitucionalcronologico202454587\/t-596-05\/\" class=\"_self\" target=\"_self\" >T-596-05<\/a><\/h4>\n<div class=\"pt-cv-content\">\u00a0 \u00a0 Sentencia T-596\/05\u00a0 \u00a0 ACCION DE TUTELA-Procedencia por vulneraci\u00f3n al m\u00ednimo vital\/BONOS PENSIONALES-Demora en expedici\u00f3n vulnera el derecho a la vida, el m\u00ednimo vital y la seguridad social \u00a0 BONOS PENSIONALES-T\u00e9rmino para expedirlos\/EMISION DEL BONO PENSIONAL-Etapas administrativas \u00a0 BONOS PENSIONALES-Pronta tramitaci\u00f3n\/BONOS PENSIONALES-Expedici\u00f3n y emisi\u00f3n \u00a0 DERECHO A LA PENSION DE JUBILACION-Fundamental por conexidad\/ DERECHO A LA PENSION DE JUBILACION-No puede haber demora injustificada en su reconocimiento \u00a0 ACCION DE TUTELA-Criterios para reconocimiento de pensiones cuando media la exigencia de un bono pensional \u00a0 DERECHO A LA SEGURIDAD SOCIAL-Vulneraci\u00f3n por tramites administrativos dispendiosos en el reconocimiento de la pensi\u00f3n \u00a0 ...<br \/><div class=\"pt-cv-rmwrap\"><a href=\"https:\/\/www.dmsjuridica.com\/buscador_20179478954\/corteconstitucionalcronologico202454587\/t-596-05\/\" class=\"_self pt-cv-readmore btn btn-success\" target=\"_self\">Ver Sentencia Completa...<\/a><\/div><\/div><\/div><\/div>\n<div class=\"col-md-12 col-sm-12 col-xs-12 pt-cv-content-item pt-cv-1-col\" ><div class='pt-cv-ifield'><a href=\"https:\/\/www.dmsjuridica.com\/buscador_20179478954\/corteconstitucionalcronologico202454587\/t-595-05\/\" class=\"_self pt-cv-href-thumbnail pt-cv-thumb-default\" target=\"_self\" ><\/a>\n<div class=\"pt-cv-taxoterm above_title\"><a href='https:\/\/www.dmsjuridica.com\/buscador_20179478954\/corteconstitucionalcronologico202454587\/category\/buscar-en-toda-la-corte\/2005\/tutelas-2005\/' title='Tutelas 2005' class='pt-cv-tax-tutelas-2005'>Tutelas 2005<\/a><\/div>\n<h4 class=\"pt-cv-title\"><a href=\"https:\/\/www.dmsjuridica.com\/buscador_20179478954\/corteconstitucionalcronologico202454587\/t-595-05\/\" class=\"_self\" target=\"_self\" >T-595-05<\/a><\/h4>\n<div class=\"pt-cv-content\">\u00a0 \u00a0 Sentencia T-595\/05 \u00a0 ACCION DE TUTELA CONTRA PARTICULARES-Cuando su conducta omisiva afecte grave y directamente a quien se halle en estado de indefensi\u00f3n o subordinaci\u00f3n \u00a0 ACCION DE TUTELA CONTRA ADMINISTRACION DE CONJUNTO RESIDENCIAL-Procede cuando se evidencia una vulneraci\u00f3n o una limitaci\u00f3n arbitraria a los derechos fundamentales y otros mecanismos judiciales resultan ineficaces \u00a0 JUNTA ADMINISTRADORA DE CONJUNTO RESIDENCIAL-Carece de competencia para sancionar conductas de personas que amenacen tranquilidad\u00a0 \u00a0 DEBIDO PROCESO EN SANCION DE ADMINISTRACION DE CONJUNTO RESIDENCIAL-Vulneraci\u00f3n al no dar oportunidad para ejercer el derecho de defensa \u00a0 Referencia: expediente T-1075201 \u00a0 Acci\u00f3n de tutela de ...<br \/><div class=\"pt-cv-rmwrap\"><a href=\"https:\/\/www.dmsjuridica.com\/buscador_20179478954\/corteconstitucionalcronologico202454587\/t-595-05\/\" class=\"_self pt-cv-readmore btn btn-success\" target=\"_self\">Ver Sentencia Completa...<\/a><\/div><\/div><\/div><\/div>\n<div class=\"col-md-12 col-sm-12 col-xs-12 pt-cv-content-item pt-cv-1-col\" ><div class='pt-cv-ifield'><a href=\"https:\/\/www.dmsjuridica.com\/buscador_20179478954\/corteconstitucionalcronologico202454587\/t-594-05\/\" class=\"_self pt-cv-href-thumbnail pt-cv-thumb-default\" target=\"_self\" ><\/a>\n<div class=\"pt-cv-taxoterm above_title\"><a href='https:\/\/www.dmsjuridica.com\/buscador_20179478954\/corteconstitucionalcronologico202454587\/category\/buscar-en-toda-la-corte\/2005\/tutelas-2005\/' title='Tutelas 2005' class='pt-cv-tax-tutelas-2005'>Tutelas 2005<\/a><\/div>\n<h4 class=\"pt-cv-title\"><a href=\"https:\/\/www.dmsjuridica.com\/buscador_20179478954\/corteconstitucionalcronologico202454587\/t-594-05\/\" class=\"_self\" target=\"_self\" >T-594-05<\/a><\/h4>\n<div class=\"pt-cv-content\">\u00a0 \u00a0 Sentencia T-594\/05 \u00a0 NOTIFICACION-Finalidad \u00a0 NOTIFICACION A ENTIDADES PUBLICAS EN ACCIONES POPULARES-Tr\u00e1mite\u00a0 \u00a0 La Ley 472 de 1998 estableci\u00f3 en el art\u00edculo 21 la forma de hacer las notificaciones del auto admisorio de la demanda cuando se trate de entidades p\u00fablicas. Como existe remisi\u00f3n a las normas del C\u00f3digo Contencioso Administrativo, hay que decir que el art\u00edculo 23 de la Ley 446 de 1998 establece que la \u00a0notificaci\u00f3n del auto admisorio de la demanda se tramita as\u00ed : \u201cArt\u00edculo 23. Notificaciones de las entidades p\u00fablicas. Cuando en un proceso ante cualquier jurisdicci\u00f3n intervengan entidades p\u00fablicas, el auto admisorio ...<br \/><div class=\"pt-cv-rmwrap\"><a href=\"https:\/\/www.dmsjuridica.com\/buscador_20179478954\/corteconstitucionalcronologico202454587\/t-594-05\/\" class=\"_self pt-cv-readmore btn btn-success\" target=\"_self\">Ver Sentencia Completa...<\/a><\/div><\/div><\/div><\/div>\n<div class=\"col-md-12 col-sm-12 col-xs-12 pt-cv-content-item pt-cv-1-col\" ><div class='pt-cv-ifield'><a href=\"https:\/\/www.dmsjuridica.com\/buscador_20179478954\/corteconstitucionalcronologico202454587\/t-589-05\/\" class=\"_self pt-cv-href-thumbnail pt-cv-thumb-default\" target=\"_self\" ><\/a>\n<div class=\"pt-cv-taxoterm above_title\"><a href='https:\/\/www.dmsjuridica.com\/buscador_20179478954\/corteconstitucionalcronologico202454587\/category\/buscar-en-toda-la-corte\/2005\/tutelas-2005\/' title='Tutelas 2005' class='pt-cv-tax-tutelas-2005'>Tutelas 2005<\/a><\/div>\n<h4 class=\"pt-cv-title\"><a href=\"https:\/\/www.dmsjuridica.com\/buscador_20179478954\/corteconstitucionalcronologico202454587\/t-589-05\/\" class=\"_self\" target=\"_self\" >T-589-05<\/a><\/h4>\n<div class=\"pt-cv-content\">\u00a0 \u00a0 Sentencia T-589\/05 \u00a0 ACCION DE TUTELA CONTRA PROVIDENCIAS JUDICIALES-Procedencia excepcional y subsidiaria\u00a0 \u00a0 VIA DE HECHO-Clases de defectos en la actuaci\u00f3n\/PERJUICIO IRREMEDIABLE-Elementos para que se configure \u00a0 DERECHOS DE PARTE CIVIL EN PROCESO PENAL-Concepci\u00f3n amplia de protecci\u00f3n\/DERECHOS DE PARTE CIVIL EN PROCESO PENAL-No est\u00e1 prima facie limitada a lo econ\u00f3mico \u00a0 VICTIMAS Y PERJUDICADOS EN PROCESO PENAL-Inter\u00e9s en la verdad y la justicia \u00a0 PARTE CIVIL EN PROCESO PENAL-No inter\u00e9s en la obtenci\u00f3n de indemnizaci\u00f3n \u00a0 DERECHOS A LA VERDAD Y LA JUSTICIA DE PARTE CIVIL EN PROCESO PENAL\/PAZ-Tiene car\u00e1cter de bien colectivo\/DELITOS DE LESA HUMANIDAD-Afectaci\u00f3n de bienes ...<br \/><div class=\"pt-cv-rmwrap\"><a href=\"https:\/\/www.dmsjuridica.com\/buscador_20179478954\/corteconstitucionalcronologico202454587\/t-589-05\/\" class=\"_self pt-cv-readmore btn btn-success\" target=\"_self\">Ver Sentencia Completa...<\/a><\/div><\/div><\/div><\/div>\n<div class=\"col-md-12 col-sm-12 col-xs-12 pt-cv-content-item pt-cv-1-col\" ><div class='pt-cv-ifield'><a href=\"https:\/\/www.dmsjuridica.com\/buscador_20179478954\/corteconstitucionalcronologico202454587\/t-588-05\/\" class=\"_self pt-cv-href-thumbnail pt-cv-thumb-default\" target=\"_self\" ><\/a>\n<div class=\"pt-cv-taxoterm above_title\"><a href='https:\/\/www.dmsjuridica.com\/buscador_20179478954\/corteconstitucionalcronologico202454587\/category\/buscar-en-toda-la-corte\/2005\/tutelas-2005\/' title='Tutelas 2005' class='pt-cv-tax-tutelas-2005'>Tutelas 2005<\/a><\/div>\n<h4 class=\"pt-cv-title\"><a href=\"https:\/\/www.dmsjuridica.com\/buscador_20179478954\/corteconstitucionalcronologico202454587\/t-588-05\/\" class=\"_self\" target=\"_self\" >T-588-05<\/a><\/h4>\n<div class=\"pt-cv-content\">\u00a0 \u00a0 Sentencia T-588\/05 \u00a0 ACCION DE TUTELA CONTRA PROVIDENCIAS JUDICIALES-Procedencia excepcional por v\u00eda de hecho \u00a0 PRINCIPIO DE AUTONOMIA FUNCIONAL DEL JUEZ-Improcedencia general de tutela para controvertir interpretaciones judiciales \u00a0 VIA DE HECHO EN MATERIA DE INTERPRETACION-Inexistente en el caso concreto \u00a0 Referencia: expediente T-1064559 \u00a0 Acci\u00f3n de tutela instaurada por Guillermo C\u00e1ceres Mendoza contra Fiscal\u00eda 21 Delegada ante los Juzgados Penales del Circuito de Aguachica. \u00a0 Dr. JAIME C\u00d3RDOBA TRIVI\u00d1O. \u00a0 Bogot\u00e1, D.C., tres (3) de junio de dos mil cinco (2005).\u00a0 \u00a0 La Sala Cuarta de Revisi\u00f3n de la Corte Constitucional, integrada por los magistrados Jaime C\u00f3rdoba ...<br \/><div class=\"pt-cv-rmwrap\"><a href=\"https:\/\/www.dmsjuridica.com\/buscador_20179478954\/corteconstitucionalcronologico202454587\/t-588-05\/\" class=\"_self pt-cv-readmore btn btn-success\" target=\"_self\">Ver Sentencia Completa...<\/a><\/div><\/div><\/div><\/div>\n<div class=\"col-md-12 col-sm-12 col-xs-12 pt-cv-content-item pt-cv-1-col\" ><div class='pt-cv-ifield'><a href=\"https:\/\/www.dmsjuridica.com\/buscador_20179478954\/corteconstitucionalcronologico202454587\/t-587-05\/\" class=\"_self pt-cv-href-thumbnail pt-cv-thumb-default\" target=\"_self\" ><\/a>\n<div class=\"pt-cv-taxoterm above_title\"><a href='https:\/\/www.dmsjuridica.com\/buscador_20179478954\/corteconstitucionalcronologico202454587\/category\/buscar-en-toda-la-corte\/2005\/tutelas-2005\/' title='Tutelas 2005' class='pt-cv-tax-tutelas-2005'>Tutelas 2005<\/a><\/div>\n<h4 class=\"pt-cv-title\"><a href=\"https:\/\/www.dmsjuridica.com\/buscador_20179478954\/corteconstitucionalcronologico202454587\/t-587-05\/\" class=\"_self\" target=\"_self\" >T-587-05<\/a><\/h4>\n<div class=\"pt-cv-content\">\u00a0 \u00a0 Sentencia T-587\/05 \u00a0 DERECHO A LA MATERNIDAD-Materializaci\u00f3n de la protecci\u00f3n especial a la mujer \u00a0 LICENCIA DE MATERNIDAD-Pago por allanamiento a la mora por EPS \u00a0 LICENCIA DE MATERNIDAD-Pago por tutela cuando afecta el m\u00ednimo vital de la madre y su hijo \u00a0 Referencia: expediente T-1063618 \u00a0 Acci\u00f3n de tutela instaurada por Diana Maritza Rodr\u00edguez Amortegui contra Solsalud E.P.S.\u00a0 \u00a0 Magistrado Ponente :\u00a0 \u00a0 Dr. JAIME C\u00d3RDOBA TRIVI\u00d1O. \u00a0 Bogot\u00e1, D.C., tres (3) de junio de dos mil cinco (2005).\u00a0 \u00a0 La Sala Cuarta de Revisi\u00f3n de la Corte Constitucional, integrada por los magistrados Jaime C\u00f3rdoba Trivi\u00f1o, Rodrigo ...<br \/><div class=\"pt-cv-rmwrap\"><a href=\"https:\/\/www.dmsjuridica.com\/buscador_20179478954\/corteconstitucionalcronologico202454587\/t-587-05\/\" class=\"_self pt-cv-readmore btn btn-success\" target=\"_self\">Ver Sentencia Completa...<\/a><\/div><\/div><\/div><\/div>\n<div class=\"col-md-12 col-sm-12 col-xs-12 pt-cv-content-item pt-cv-1-col\" ><div class='pt-cv-ifield'><a href=\"https:\/\/www.dmsjuridica.com\/buscador_20179478954\/corteconstitucionalcronologico202454587\/t-586-05\/\" class=\"_self pt-cv-href-thumbnail pt-cv-thumb-default\" target=\"_self\" ><\/a>\n<div class=\"pt-cv-taxoterm above_title\"><a href='https:\/\/www.dmsjuridica.com\/buscador_20179478954\/corteconstitucionalcronologico202454587\/category\/buscar-en-toda-la-corte\/2005\/tutelas-2005\/' title='Tutelas 2005' class='pt-cv-tax-tutelas-2005'>Tutelas 2005<\/a><\/div>\n<h4 class=\"pt-cv-title\"><a href=\"https:\/\/www.dmsjuridica.com\/buscador_20179478954\/corteconstitucionalcronologico202454587\/t-586-05\/\" class=\"_self\" target=\"_self\" >T-586-05<\/a><\/h4>\n<div class=\"pt-cv-content\">\u00a0 \u00a0 Sentencia T-586\/05 \u00a0 PROTECCION CONSTITUCIONAL ESPECIAL DE PERSONAS PORTADORAS DE VIH\/SIDA-Reiteraci\u00f3n de jurisprudencia\u00a0 \u00a0 DERECHO A LA SALUD DEL ENFERMO DE SIDA-Atenci\u00f3n integral y gratuita a cargo del Estado \u00a0 INAPLICACION DE NORMAS DEL PLAN OBLIGATORIO DE SALUD-Hip\u00f3tesis f\u00e1ctica que la determina \u00a0 DERECHO A LA SALUD DEL ENFERMO DE SIDA-Examen de carga viral fundamental para tratamiento del sida \u00a0 Acci\u00f3n de tutela presentada por Jaime Morales Villamil contra el Instituto de los Seguros Sociales, seccional Cundinamarca \u00a0 Magistrado Ponente: \u00a0 Dr. JAIME C\u00d3RDOBA TRIVI\u00d1O \u00a0 Bogot\u00e1, D.C., tres (3) de junio de dos mil cinco (2005). \u00a0 ...<br \/><div class=\"pt-cv-rmwrap\"><a href=\"https:\/\/www.dmsjuridica.com\/buscador_20179478954\/corteconstitucionalcronologico202454587\/t-586-05\/\" class=\"_self pt-cv-readmore btn btn-success\" target=\"_self\">Ver Sentencia Completa...<\/a><\/div><\/div><\/div><\/div>\n<div class=\"col-md-12 col-sm-12 col-xs-12 pt-cv-content-item pt-cv-1-col\" ><div class='pt-cv-ifield'><a href=\"https:\/\/www.dmsjuridica.com\/buscador_20179478954\/corteconstitucionalcronologico202454587\/t-585-05\/\" class=\"_self pt-cv-href-thumbnail pt-cv-thumb-default\" target=\"_self\" ><\/a>\n<div class=\"pt-cv-taxoterm above_title\"><a href='https:\/\/www.dmsjuridica.com\/buscador_20179478954\/corteconstitucionalcronologico202454587\/category\/buscar-en-toda-la-corte\/2005\/tutelas-2005\/' title='Tutelas 2005' class='pt-cv-tax-tutelas-2005'>Tutelas 2005<\/a><\/div>\n<h4 class=\"pt-cv-title\"><a href=\"https:\/\/www.dmsjuridica.com\/buscador_20179478954\/corteconstitucionalcronologico202454587\/t-585-05\/\" class=\"_self\" target=\"_self\" >T-585-05<\/a><\/h4>\n<div class=\"pt-cv-content\">\u00a0 \u00a0 Sentencia T-585\/05 \u00a0 DERECHO A LA SALUD-Fundamental por conexidad con la vida digna \u00a0 ENFERMEDADES DE ALTO COSTO-No se pueden oponer periodos m\u00ednimos de cotizaci\u00f3n ante situaciones de urgencia\u00a0 \u00a0 DERECHO A LA SALUD Y A LA VIDA-Inaplicaci\u00f3n de periodos m\u00ednimos de cotizaci\u00f3n por incapacidad econ\u00f3mica del paciente \u00a0 Referencia: expediente T-1052969 \u00a0 Acci\u00f3n de tutela instaurada por Margarita Valencia Cuervo contra Salud Total E.P.S.\u00a0 \u00a0 Dr. JAIME C\u00d3RDOBA TRIVI\u00d1O. \u00a0 Bogot\u00e1, D.C., tres (3) de junio de dos mil cinco (2005).\u00a0 \u00a0 La Sala Cuarta de Revisi\u00f3n de la Corte Constitucional, integrada por los magistrados Jaime C\u00f3rdoba ...<br \/><div class=\"pt-cv-rmwrap\"><a href=\"https:\/\/www.dmsjuridica.com\/buscador_20179478954\/corteconstitucionalcronologico202454587\/t-585-05\/\" class=\"_self pt-cv-readmore btn btn-success\" target=\"_self\">Ver Sentencia Completa...<\/a><\/div><\/div><\/div><\/div>\n<div class=\"col-md-12 col-sm-12 col-xs-12 pt-cv-content-item pt-cv-1-col\" ><div class='pt-cv-ifield'><a href=\"https:\/\/www.dmsjuridica.com\/buscador_20179478954\/corteconstitucionalcronologico202454587\/t-584-05\/\" class=\"_self pt-cv-href-thumbnail pt-cv-thumb-default\" target=\"_self\" ><\/a>\n<div class=\"pt-cv-taxoterm above_title\"><a href='https:\/\/www.dmsjuridica.com\/buscador_20179478954\/corteconstitucionalcronologico202454587\/category\/buscar-en-toda-la-corte\/2005\/tutelas-2005\/' title='Tutelas 2005' class='pt-cv-tax-tutelas-2005'>Tutelas 2005<\/a><\/div>\n<h4 class=\"pt-cv-title\"><a href=\"https:\/\/www.dmsjuridica.com\/buscador_20179478954\/corteconstitucionalcronologico202454587\/t-584-05\/\" class=\"_self\" target=\"_self\" >T-584-05<\/a><\/h4>\n<div class=\"pt-cv-content\">\u00a0 \u00a0 Sentencia T-584\/05 \u00a0 ESTABLECIMIENTO CARCELARIO-Atenci\u00f3n m\u00e9dica adecuada, digna y oportuna de internos\/ESTABLECIMIENTO CARCELARIO-Deber de asegurar la practica de las \u00f3rdenes prescritas por los m\u00e9dicos tratantes de los internos\u00a0 \u00a0 Las directivas de los centros carcelarios deben adoptar todas las medidas y establecer las disposiciones internas indispensables con miras a garantizar a los reclusos que sus dolencias ser\u00e1n atendidas de manera oportuna y adecuada, seg\u00fan las caracter\u00edsticas que presenten. Por lo tanto, es necesario que no solamente se tenga la certidumbre de ex\u00e1menes regulares y generales de control y de los indispensables chequeos m\u00e9dicos cuando cada interno lo requiera ...<br \/><div class=\"pt-cv-rmwrap\"><a href=\"https:\/\/www.dmsjuridica.com\/buscador_20179478954\/corteconstitucionalcronologico202454587\/t-584-05\/\" class=\"_self pt-cv-readmore btn btn-success\" target=\"_self\">Ver Sentencia Completa...<\/a><\/div><\/div><\/div><\/div>\n<div class=\"col-md-12 col-sm-12 col-xs-12 pt-cv-content-item pt-cv-1-col\" ><div class='pt-cv-ifield'><a href=\"https:\/\/www.dmsjuridica.com\/buscador_20179478954\/corteconstitucionalcronologico202454587\/t-583-05\/\" class=\"_self pt-cv-href-thumbnail pt-cv-thumb-default\" target=\"_self\" ><\/a>\n<div class=\"pt-cv-taxoterm above_title\"><a href='https:\/\/www.dmsjuridica.com\/buscador_20179478954\/corteconstitucionalcronologico202454587\/category\/buscar-en-toda-la-corte\/2005\/tutelas-2005\/' title='Tutelas 2005' class='pt-cv-tax-tutelas-2005'>Tutelas 2005<\/a><\/div>\n<h4 class=\"pt-cv-title\"><a href=\"https:\/\/www.dmsjuridica.com\/buscador_20179478954\/corteconstitucionalcronologico202454587\/t-583-05\/\" class=\"_self\" target=\"_self\" >T-583-05<\/a><\/h4>\n<div class=\"pt-cv-content\">\u00a0 \u00a0 Sentencia T-583\/05 \u00a0 ACCION DE TUTELA-Trabajadoras desvinculadas de TELECOM no pueden simult\u00e1neamente reintegrarse y recibir indemnizaci\u00f3n\u00a0 \u00a0 MADRE CABEZA DE FAMILIA Y PERSONAS DISCAPACITADAS-Limitaci\u00f3n a la protecci\u00f3n reforzada fijada en la ley 813 de 2003 declarada inconstitucional por la sentencia C-991 de 2004 \u00a0 ACCION DE TUTELA PARA ASEGURAR MEDIDAS DE ESTABILIDAD LABORAL REFORZADA-Procedencia por existir vulneraci\u00f3n a mandatos constitucionales\u00a0 \u00a0 Referencia: expedientes T-1066164, T-1067040, T-1067304, T-1068034,\u00a0 \u00a0 \u00a0 \u00a0 Acciones de tutela instauradas por Migdonia M\u00e9rida Farias, Edith Galindo Vel\u00e1squez, Luz Marina Guevara P. y Martha Sarmiento Sarmiento, en contra de la Empresa Nacional de Telecomunicaciones \u2013 ...<br \/><div class=\"pt-cv-rmwrap\"><a href=\"https:\/\/www.dmsjuridica.com\/buscador_20179478954\/corteconstitucionalcronologico202454587\/t-583-05\/\" class=\"_self pt-cv-readmore btn btn-success\" target=\"_self\">Ver Sentencia Completa...<\/a><\/div><\/div><\/div><\/div>\n<div class=\"col-md-12 col-sm-12 col-xs-12 pt-cv-content-item pt-cv-1-col\" ><div class='pt-cv-ifield'><a href=\"https:\/\/www.dmsjuridica.com\/buscador_20179478954\/corteconstitucionalcronologico202454587\/t-582-05\/\" class=\"_self pt-cv-href-thumbnail pt-cv-thumb-default\" target=\"_self\" ><\/a>\n<div class=\"pt-cv-taxoterm above_title\"><a href='https:\/\/www.dmsjuridica.com\/buscador_20179478954\/corteconstitucionalcronologico202454587\/category\/buscar-en-toda-la-corte\/2005\/tutelas-2005\/' title='Tutelas 2005' class='pt-cv-tax-tutelas-2005'>Tutelas 2005<\/a><\/div>\n<h4 class=\"pt-cv-title\"><a href=\"https:\/\/www.dmsjuridica.com\/buscador_20179478954\/corteconstitucionalcronologico202454587\/t-582-05\/\" class=\"_self\" target=\"_self\" >T-582-05<\/a><\/h4>\n<div class=\"pt-cv-content\">\u00a0 \u00a0 Sentencia T-582\/05 \u00a0 DERECHO A LA SALUD DEL MENOR-Fundamental aut\u00f3nomo\u00a0 \u00a0 DERECHO A LA VIDA-Protecci\u00f3n de menor que se encuentra en grave estado de salud\u00a0 \u00a0 DERECHO A LA SALUD DEL MENOR-Deber de ordenar pr\u00e1ctica de ex\u00e1menes a donantes \u00a0para determinar donante de medula \u00f3sea\u00a0 \u00a0 Referencia: expediente T-1095423 \u00a0 Acci\u00f3n de tutela de la se\u00f1ora Mar\u00eda Nercy Rodr\u00edguez Obando, en representaci\u00f3n de la menor Waldina Sarrias Rodr\u00edguez contra Secretar\u00eda de Salud del Huila\u00a0 \u00a0 Magistrado Ponente:\u00a0 \u00a0 Dr. ALFREDO BELTR\u00c1N SIERRA. \u00a0 Bogot\u00e1, D.C., dos (2) de junio de dos mil Cinco (2005). \u00a0 La Sala Segunda ...<br \/><div class=\"pt-cv-rmwrap\"><a href=\"https:\/\/www.dmsjuridica.com\/buscador_20179478954\/corteconstitucionalcronologico202454587\/t-582-05\/\" class=\"_self pt-cv-readmore btn btn-success\" target=\"_self\">Ver Sentencia Completa...<\/a><\/div><\/div><\/div><\/div>\n<div class=\"col-md-12 col-sm-12 col-xs-12 pt-cv-content-item pt-cv-1-col\" ><div class='pt-cv-ifield'><a href=\"https:\/\/www.dmsjuridica.com\/buscador_20179478954\/corteconstitucionalcronologico202454587\/t-581-05\/\" class=\"_self pt-cv-href-thumbnail pt-cv-thumb-default\" target=\"_self\" ><\/a>\n<div class=\"pt-cv-taxoterm above_title\"><a href='https:\/\/www.dmsjuridica.com\/buscador_20179478954\/corteconstitucionalcronologico202454587\/category\/buscar-en-toda-la-corte\/2005\/tutelas-2005\/' title='Tutelas 2005' class='pt-cv-tax-tutelas-2005'>Tutelas 2005<\/a><\/div>\n<h4 class=\"pt-cv-title\"><a href=\"https:\/\/www.dmsjuridica.com\/buscador_20179478954\/corteconstitucionalcronologico202454587\/t-581-05\/\" class=\"_self\" target=\"_self\" >T-581-05<\/a><\/h4>\n<div class=\"pt-cv-content\">\u00a0 \u00a0 Sentencia T-581\/05 \u00a0 DERECHO A LA SALUD-Fundamental por conexidad con la vida \u00a0 DERECHO A LA SALUD-Beneficiarios del sistema no deben soportar inconvenientes presupu\u00e9stales o tr\u00e1mites burocr\u00e1ticos \u00a0 Referencia: expediente T-1068582 \u00a0 Acci\u00f3n de tutela de Alba Milagros Z\u00fa\u00f1iga \u00a0Semanate, contra Servicio Seccional de Salud de Antioquia.\u00a0 \u00a0 Procedencia: Juzgado Diecis\u00e9is del Circuito de Medell\u00edn - Antioquia. \u00a0 Magistrado Ponente: \u00a0 Dr. ALFREDO BELTR\u00c1N SIERRA. \u00a0 Bogot\u00e1, D.C., dos (2) de junio de dos mil cinco (2005). \u00a0 La Sala Segunda (2a.) de Revisi\u00f3n de la Corte Constitucional, integrada por los magistrados, Alfredo Beltr\u00e1n Sierra, Manuel Jos\u00e9 Cepeda ...<br \/><div class=\"pt-cv-rmwrap\"><a href=\"https:\/\/www.dmsjuridica.com\/buscador_20179478954\/corteconstitucionalcronologico202454587\/t-581-05\/\" class=\"_self pt-cv-readmore btn btn-success\" target=\"_self\">Ver Sentencia Completa...<\/a><\/div><\/div><\/div><\/div>\n<div class=\"col-md-12 col-sm-12 col-xs-12 pt-cv-content-item pt-cv-1-col\" ><div class='pt-cv-ifield'><a href=\"https:\/\/www.dmsjuridica.com\/buscador_20179478954\/corteconstitucionalcronologico202454587\/t-580-05\/\" class=\"_self pt-cv-href-thumbnail pt-cv-thumb-default\" target=\"_self\" ><\/a>\n<div class=\"pt-cv-taxoterm above_title\"><a href='https:\/\/www.dmsjuridica.com\/buscador_20179478954\/corteconstitucionalcronologico202454587\/category\/buscar-en-toda-la-corte\/2005\/tutelas-2005\/' title='Tutelas 2005' class='pt-cv-tax-tutelas-2005'>Tutelas 2005<\/a><\/div>\n<h4 class=\"pt-cv-title\"><a href=\"https:\/\/www.dmsjuridica.com\/buscador_20179478954\/corteconstitucionalcronologico202454587\/t-580-05\/\" class=\"_self\" target=\"_self\" >T-580-05<\/a><\/h4>\n<div class=\"pt-cv-content\">\u00a0 \u00a0 Sentencia T-580\/05 \u00a0 DERECHO A LA PENSION DE SOBREVIVIENTES-Finalidad \u00a0 Esta Corte ha sostenido que la finalidad esencial de la pensi\u00f3n de sobrevivientes es la protecci\u00f3n de la familia como n\u00facleo fundamental de la sociedad, de tal suerte que las personas que depend\u00edan econ\u00f3micamente del causante puedan seguir atendiendo sus necesidades de subsistencia, sin que vean alterada la situaci\u00f3n social y econ\u00f3mica con que contaban en vida del pensionado o afiliado que falleci\u00f3.\u00a0 \u00a0 ACCION DE TUTELA Y PENSION DE SOBREVIVIENTES-Improcedencia general de \u00e9sta para reclamar reconocimiento \u00a0 La Jurisprudencia ha coincidido en se\u00f1alar, por regla general, que ...<br \/><div class=\"pt-cv-rmwrap\"><a href=\"https:\/\/www.dmsjuridica.com\/buscador_20179478954\/corteconstitucionalcronologico202454587\/t-580-05\/\" class=\"_self pt-cv-readmore btn btn-success\" target=\"_self\">Ver Sentencia Completa...<\/a><\/div><\/div><\/div><\/div>\n<div class=\"col-md-12 col-sm-12 col-xs-12 pt-cv-content-item pt-cv-1-col\" ><div class='pt-cv-ifield'><a href=\"https:\/\/www.dmsjuridica.com\/buscador_20179478954\/corteconstitucionalcronologico202454587\/t-579-05\/\" class=\"_self pt-cv-href-thumbnail pt-cv-thumb-default\" target=\"_self\" ><\/a>\n<div class=\"pt-cv-taxoterm above_title\"><a href='https:\/\/www.dmsjuridica.com\/buscador_20179478954\/corteconstitucionalcronologico202454587\/category\/buscar-en-toda-la-corte\/2005\/tutelas-2005\/' title='Tutelas 2005' class='pt-cv-tax-tutelas-2005'>Tutelas 2005<\/a><\/div>\n<h4 class=\"pt-cv-title\"><a href=\"https:\/\/www.dmsjuridica.com\/buscador_20179478954\/corteconstitucionalcronologico202454587\/t-579-05\/\" class=\"_self\" target=\"_self\" >T-579-05<\/a><\/h4>\n<div class=\"pt-cv-content\">\u00a0 \u00a0 Sentencia T-579\/05 \u00a0 DERECHO A LA SALUD DEL SOLDADO RETIRADO-No se prob\u00f3 la lesi\u00f3n ni la relaci\u00f3n de causalidad entre el hecho y la prestaci\u00f3n de servicio militar \u00a0 Referencia: expediente T-1062564 \u00a0 Acci\u00f3n de tutela instaurada por Jorge Andr\u00e9s Caicedo Tilano contra el Comando del Batall\u00f3n de Instrucci\u00f3n y Entrenamiento de Infanter\u00eda de Marina No. 2, con sede en Cove\u00f1as (Sucre). \u00a0 Magistrado Ponente: \u00a0 Dr. HUMBERTO ANTONIO SIERRA PORTO. \u00a0 Bogot\u00e1 D.C., veintisiete (27) de mayo de dos mil cinco (2005). \u00a0 La Sala S\u00e9ptima de Revisi\u00f3n de la Corte Constitucional, integrada por los magistrados Clara ...<br \/><div class=\"pt-cv-rmwrap\"><a href=\"https:\/\/www.dmsjuridica.com\/buscador_20179478954\/corteconstitucionalcronologico202454587\/t-579-05\/\" class=\"_self pt-cv-readmore btn btn-success\" target=\"_self\">Ver Sentencia Completa...<\/a><\/div><\/div><\/div><\/div>\n<div class=\"col-md-12 col-sm-12 col-xs-12 pt-cv-content-item pt-cv-1-col\" ><div class='pt-cv-ifield'><a href=\"https:\/\/www.dmsjuridica.com\/buscador_20179478954\/corteconstitucionalcronologico202454587\/t-578-05\/\" class=\"_self pt-cv-href-thumbnail pt-cv-thumb-default\" target=\"_self\" ><\/a>\n<div class=\"pt-cv-taxoterm above_title\"><a href='https:\/\/www.dmsjuridica.com\/buscador_20179478954\/corteconstitucionalcronologico202454587\/category\/buscar-en-toda-la-corte\/2005\/tutelas-2005\/' title='Tutelas 2005' class='pt-cv-tax-tutelas-2005'>Tutelas 2005<\/a><\/div>\n<h4 class=\"pt-cv-title\"><a href=\"https:\/\/www.dmsjuridica.com\/buscador_20179478954\/corteconstitucionalcronologico202454587\/t-578-05\/\" class=\"_self\" target=\"_self\" >T-578-05<\/a><\/h4>\n<div class=\"pt-cv-content\">\u00a0 \u00a0 Sentencia T-578\/05 \u00a0 DERECHOS DEL INTERNO Y RELACIONES DE ESPECIAL SUJECION \u00a0 DERECHO A LA IGUALDAD DEL INTERNO-No se evidencia vulneraci\u00f3n en relaci\u00f3n con las consignaciones bancarias, tel\u00e9fonos y espacio para deportes \u00a0 Advierte esta Sala que del material probatorio que obra en el proceso no puede colegirse que a los internos del patio sexto se les vulnere el derecho a la igualdad, puesto que seg\u00fan los informes presentados por las entidades accionadas, \u00e9stos se encuentran en similares condiciones a la de los internos de los otros pabellones. As\u00ed, encontramos que en cada patio hay un espacio para ...<br \/><div class=\"pt-cv-rmwrap\"><a href=\"https:\/\/www.dmsjuridica.com\/buscador_20179478954\/corteconstitucionalcronologico202454587\/t-578-05\/\" class=\"_self pt-cv-readmore btn btn-success\" target=\"_self\">Ver Sentencia Completa...<\/a><\/div><\/div><\/div><\/div>\n<div class=\"col-md-12 col-sm-12 col-xs-12 pt-cv-content-item pt-cv-1-col\" ><div class='pt-cv-ifield'><a href=\"https:\/\/www.dmsjuridica.com\/buscador_20179478954\/corteconstitucionalcronologico202454587\/t-577-05\/\" class=\"_self pt-cv-href-thumbnail pt-cv-thumb-default\" target=\"_self\" ><\/a>\n<div class=\"pt-cv-taxoterm above_title\"><a href='https:\/\/www.dmsjuridica.com\/buscador_20179478954\/corteconstitucionalcronologico202454587\/category\/buscar-en-toda-la-corte\/2005\/tutelas-2005\/' title='Tutelas 2005' class='pt-cv-tax-tutelas-2005'>Tutelas 2005<\/a><\/div>\n<h4 class=\"pt-cv-title\"><a href=\"https:\/\/www.dmsjuridica.com\/buscador_20179478954\/corteconstitucionalcronologico202454587\/t-577-05\/\" class=\"_self\" target=\"_self\" >T-577-05<\/a><\/h4>\n<div class=\"pt-cv-content\">\u00a0 \u00a0 Sentencia T-577\/05 \u00a0 DERECHOS DEL INTERNO Y RELACIONES DE ESPECIAL SUJECION \u00a0 JUICIO DE PROPORCIONALIDAD Y TEST DE IGUALDAD \u00a0 A fin de determinar si el trato discriminatorio vulnera el derecho fundamental a la igualdad, la Corte ha elaborado un modelo de an\u00e1lisis que integra el juicio de proporcionalidad y el test de igualdad. Lo que en este modelo se hace, b\u00e1sicamente, es retomar y armonizar los elementos del test o juicio de proporcionalidad europeo con los aportes de la tendencia estadounidense. As\u00ed, se emplean las etapas metodol\u00f3gicas del test europeo, que comprende las siguientes fases de an\u00e1lisis: ...<br \/><div class=\"pt-cv-rmwrap\"><a href=\"https:\/\/www.dmsjuridica.com\/buscador_20179478954\/corteconstitucionalcronologico202454587\/t-577-05\/\" class=\"_self pt-cv-readmore btn btn-success\" target=\"_self\">Ver Sentencia Completa...<\/a><\/div><\/div><\/div><\/div>\n<div class=\"col-md-12 col-sm-12 col-xs-12 pt-cv-content-item pt-cv-1-col\" ><div class='pt-cv-ifield'><a href=\"https:\/\/www.dmsjuridica.com\/buscador_20179478954\/corteconstitucionalcronologico202454587\/t-576-05\/\" class=\"_self pt-cv-href-thumbnail pt-cv-thumb-default\" target=\"_self\" ><\/a>\n<div class=\"pt-cv-taxoterm above_title\"><a href='https:\/\/www.dmsjuridica.com\/buscador_20179478954\/corteconstitucionalcronologico202454587\/category\/buscar-en-toda-la-corte\/2005\/tutelas-2005\/' title='Tutelas 2005' class='pt-cv-tax-tutelas-2005'>Tutelas 2005<\/a><\/div>\n<h4 class=\"pt-cv-title\"><a href=\"https:\/\/www.dmsjuridica.com\/buscador_20179478954\/corteconstitucionalcronologico202454587\/t-576-05\/\" class=\"_self\" target=\"_self\" >T-576-05<\/a><\/h4>\n<div class=\"pt-cv-content\">\u00a0 \u00a0 Sentencia T-576\/05 \u00a0 ACCION DE TUTELA-Criterios para determinar su procedencia cuando se afectan derechos colectivos \u00a0 ACCION DE TUTELA Y ACCION POPULAR-Caso en que no procede la tutela por afectaci\u00f3n de derechos fundamentales por existencia de aguas negras frente a vivienda \u00a0 Las peticionarias no demostraron la vulneraci\u00f3n o amenaza de sus derechos fundamentales, pues dentro del expediente, no obra prueba alguna que acredite que producto de esta situaci\u00f3n, ellas o miembros de su n\u00facleo familiar padezcan o est\u00e9n sobrellevando problemas de salud, o haya sido afectado su derecho o a la integridad personal. Por el contrario, s\u00ed ...<br \/><div class=\"pt-cv-rmwrap\"><a href=\"https:\/\/www.dmsjuridica.com\/buscador_20179478954\/corteconstitucionalcronologico202454587\/t-576-05\/\" class=\"_self pt-cv-readmore btn btn-success\" target=\"_self\">Ver Sentencia Completa...<\/a><\/div><\/div><\/div><\/div>\n<div class=\"col-md-12 col-sm-12 col-xs-12 pt-cv-content-item pt-cv-1-col\" ><div class='pt-cv-ifield'><a href=\"https:\/\/www.dmsjuridica.com\/buscador_20179478954\/corteconstitucionalcronologico202454587\/t-575-05\/\" class=\"_self pt-cv-href-thumbnail pt-cv-thumb-default\" target=\"_self\" ><\/a>\n<div class=\"pt-cv-taxoterm above_title\"><a href='https:\/\/www.dmsjuridica.com\/buscador_20179478954\/corteconstitucionalcronologico202454587\/category\/buscar-en-toda-la-corte\/2005\/tutelas-2005\/' title='Tutelas 2005' class='pt-cv-tax-tutelas-2005'>Tutelas 2005<\/a><\/div>\n<h4 class=\"pt-cv-title\"><a href=\"https:\/\/www.dmsjuridica.com\/buscador_20179478954\/corteconstitucionalcronologico202454587\/t-575-05\/\" class=\"_self\" target=\"_self\" >T-575-05<\/a><\/h4>\n<div class=\"pt-cv-content\">\u00a0 \u00a0 Sentencia T-575\/05 \u00a0 LEGITIMACION POR ACTIVA EN TUTELA-Compa\u00f1era permanente en representaci\u00f3n de compa\u00f1ero\/AGENCIA OFICIOSA-Procedencia \u00a0 La Sala que en el presente asunto se configuran los requisitos establecidos por la jurisprudencia constitucional para determinar la legitimidad en la causa por activa, pues (i) la demandante expres\u00f3 que actuaba como agente oficioso de su compa\u00f1ero permanente y, (ii) de conformidad con las pruebas aportadas al proceso, est\u00e1 demostrado que el agenciado esta en imposibilidad de promover directamente la acci\u00f3n constitucional. \u00a0 DERECHO A LA SALUD-Conexidad con otros derechos fundamentales \u00a0 DERECHO A LA SALUD-Fundamental frente a sujetos de especial protecci\u00f3n ...<br \/><div class=\"pt-cv-rmwrap\"><a href=\"https:\/\/www.dmsjuridica.com\/buscador_20179478954\/corteconstitucionalcronologico202454587\/t-575-05\/\" class=\"_self pt-cv-readmore btn btn-success\" target=\"_self\">Ver Sentencia Completa...<\/a><\/div><\/div><\/div><\/div>\n<div class=\"col-md-12 col-sm-12 col-xs-12 pt-cv-content-item pt-cv-1-col\" ><div class='pt-cv-ifield'><a href=\"https:\/\/www.dmsjuridica.com\/buscador_20179478954\/corteconstitucionalcronologico202454587\/t-574-05\/\" class=\"_self pt-cv-href-thumbnail pt-cv-thumb-default\" target=\"_self\" ><\/a>\n<div class=\"pt-cv-taxoterm above_title\"><a href='https:\/\/www.dmsjuridica.com\/buscador_20179478954\/corteconstitucionalcronologico202454587\/category\/buscar-en-toda-la-corte\/2005\/tutelas-2005\/' title='Tutelas 2005' class='pt-cv-tax-tutelas-2005'>Tutelas 2005<\/a><\/div>\n<h4 class=\"pt-cv-title\"><a href=\"https:\/\/www.dmsjuridica.com\/buscador_20179478954\/corteconstitucionalcronologico202454587\/t-574-05\/\" class=\"_self\" target=\"_self\" >T-574-05<\/a><\/h4>\n<div class=\"pt-cv-content\">\u00a0 \u00a0 Sentencia T-574\/05 \u00a0 LICENCIA DE MATERNIDAD-Pago por allanamiento a la mora por EPS \u00a0 PRINCIPIO DE LA BUENA FE Y LICENCIA DE MATERNIDAD-Aplicaci\u00f3n del art\u00edculo 82 del Decreto 806\/98 sobre p\u00e9rdida de derecho a prestaciones econ\u00f3micas por relaci\u00f3n laboral inexistente \u00a0 En el caso concreto objeto de revisi\u00f3n, la Sala concluye que existe prueba fehaciente de la ausencia de buena fe, pues la informaci\u00f3n suministrada por la se\u00f1ora al afiliarse al Sistema General de Seguridad Social en Salud no es veraz, pues cotizo durante un a\u00f1o como empleada de la Papeler\u00eda Clarita sin que existiera vinculo laboral, como ...<br \/><div class=\"pt-cv-rmwrap\"><a href=\"https:\/\/www.dmsjuridica.com\/buscador_20179478954\/corteconstitucionalcronologico202454587\/t-574-05\/\" class=\"_self pt-cv-readmore btn btn-success\" target=\"_self\">Ver Sentencia Completa...<\/a><\/div><\/div><\/div><\/div>\n<div class=\"col-md-12 col-sm-12 col-xs-12 pt-cv-content-item pt-cv-1-col\" ><div class='pt-cv-ifield'><a href=\"https:\/\/www.dmsjuridica.com\/buscador_20179478954\/corteconstitucionalcronologico202454587\/t-573-05\/\" class=\"_self pt-cv-href-thumbnail pt-cv-thumb-default\" target=\"_self\" ><\/a>\n<div class=\"pt-cv-taxoterm above_title\"><a href='https:\/\/www.dmsjuridica.com\/buscador_20179478954\/corteconstitucionalcronologico202454587\/category\/buscar-en-toda-la-corte\/2005\/tutelas-2005\/' title='Tutelas 2005' class='pt-cv-tax-tutelas-2005'>Tutelas 2005<\/a><\/div>\n<h4 class=\"pt-cv-title\"><a href=\"https:\/\/www.dmsjuridica.com\/buscador_20179478954\/corteconstitucionalcronologico202454587\/t-573-05\/\" class=\"_self\" target=\"_self\" >T-573-05<\/a><\/h4>\n<div class=\"pt-cv-content\">\u00a0 \u00a0 Sentencia T-573\/05 \u00a0 DERECHO A LA SALUD Y DERECHO A LA CONTINUIDAD EN LA PRESTACION DEL SERVICIO DE SALUD \u00a0 PRINCIPIO DE CONTINUIDAD EN EL SERVICIO PUBLICO DE SALUD-Prestaci\u00f3n sin interrupci\u00f3n\/PRINCIPIO DE EFICIENCIA EN EL SERVICIO DE SALUD\/ PRINCIPIO DE LA CONFIANZA LEGITIMA EN EL SERVICIO DE SALUD \u00a0 Han sido reiteradas las ocasiones en las cuales esta Corte se ha pronunciado sobre la necesidad de que los servicios p\u00fablicos se presten de manera efectiva. La Corte ha entendido que la prestaci\u00f3n efectiva de los servicios p\u00fablicos est\u00e1 estrechamente conectada con la continuidad en su prestaci\u00f3n que supone, ...<br \/><div class=\"pt-cv-rmwrap\"><a href=\"https:\/\/www.dmsjuridica.com\/buscador_20179478954\/corteconstitucionalcronologico202454587\/t-573-05\/\" class=\"_self pt-cv-readmore btn btn-success\" target=\"_self\">Ver Sentencia Completa...<\/a><\/div><\/div><\/div><\/div>\n<div class=\"col-md-12 col-sm-12 col-xs-12 pt-cv-content-item pt-cv-1-col\" ><div class='pt-cv-ifield'><a href=\"https:\/\/www.dmsjuridica.com\/buscador_20179478954\/corteconstitucionalcronologico202454587\/t-572-05\/\" class=\"_self pt-cv-href-thumbnail pt-cv-thumb-default\" target=\"_self\" ><\/a>\n<div class=\"pt-cv-taxoterm above_title\"><a href='https:\/\/www.dmsjuridica.com\/buscador_20179478954\/corteconstitucionalcronologico202454587\/category\/buscar-en-toda-la-corte\/2005\/tutelas-2005\/' title='Tutelas 2005' class='pt-cv-tax-tutelas-2005'>Tutelas 2005<\/a><\/div>\n<h4 class=\"pt-cv-title\"><a href=\"https:\/\/www.dmsjuridica.com\/buscador_20179478954\/corteconstitucionalcronologico202454587\/t-572-05\/\" class=\"_self\" target=\"_self\" >T-572-05<\/a><\/h4>\n<div class=\"pt-cv-content\">\u00a0 \u00a0 Sentencia T-572\/05 \u00a0 DERECHOS DEL INTERNO Y RELACIONES DE ESPECIAL SUJECION \u00a0 DEBIDO PROCESO EN PROCEDIMIENTOS DISCIPLINARIOS DE \u00a0INTERNOS \u00a0 DERECHOS FUNDAMENTALES-Amenaza no debe ser hipot\u00e9tica \u00a0 La jurisprudencia constitucional ha sostenido que la amenaza de un derecho fundamental no debe ser hipot\u00e9tica, sino que se caracteriza por presentar inminencia o proximidad del riesgo (i), o una actualidad del mismo (ii), una gravedad del riesgo (iii), un grado de certeza (iv) y una posici\u00f3n subjetiva de impotencia del actor para sufrir el riesgo (v), elementos que no est\u00e1n presentes en este caso concreto pues la amenaza del derecho ...<br \/><div class=\"pt-cv-rmwrap\"><a href=\"https:\/\/www.dmsjuridica.com\/buscador_20179478954\/corteconstitucionalcronologico202454587\/t-572-05\/\" class=\"_self pt-cv-readmore btn btn-success\" target=\"_self\">Ver Sentencia Completa...<\/a><\/div><\/div><\/div><\/div>\n<div class=\"col-md-12 col-sm-12 col-xs-12 pt-cv-content-item pt-cv-1-col\" ><div class='pt-cv-ifield'><a href=\"https:\/\/www.dmsjuridica.com\/buscador_20179478954\/corteconstitucionalcronologico202454587\/t-571-05\/\" class=\"_self pt-cv-href-thumbnail pt-cv-thumb-default\" target=\"_self\" ><\/a>\n<div class=\"pt-cv-taxoterm above_title\"><a href='https:\/\/www.dmsjuridica.com\/buscador_20179478954\/corteconstitucionalcronologico202454587\/category\/buscar-en-toda-la-corte\/2005\/tutelas-2005\/' title='Tutelas 2005' class='pt-cv-tax-tutelas-2005'>Tutelas 2005<\/a><\/div>\n<h4 class=\"pt-cv-title\"><a href=\"https:\/\/www.dmsjuridica.com\/buscador_20179478954\/corteconstitucionalcronologico202454587\/t-571-05\/\" class=\"_self\" target=\"_self\" >T-571-05<\/a><\/h4>\n<div class=\"pt-cv-content\">\u00a0 \u00a0 Sentencia T-571\/05 \u00a0 DEBIDO PROCESO ADMINISTRATIVO-Alcance \u00a0 Sobre el debido proceso administrativo la Corte ha precisado que su cobertura se extiende a todo el ejercicio que debe desarrollar la administraci\u00f3n p\u00fablica en la realizaci\u00f3n de sus objetivos y fines estatales, lo que implica que cobija todas las manifestaciones en cuanto a la formaci\u00f3n y ejecuci\u00f3n de los actos, a las peticiones que presenten los particulares y a los procesos que adelante la administraci\u00f3n con el fin de garantizar la defensa de los ciudadanos.\u00a0 \u00a0 ACCION DE TUTELA Y MEDIO DE DEFENSA JUDICIAL-Procedencia excepcional \u00a0 No basta con que ...<br \/><div class=\"pt-cv-rmwrap\"><a href=\"https:\/\/www.dmsjuridica.com\/buscador_20179478954\/corteconstitucionalcronologico202454587\/t-571-05\/\" class=\"_self pt-cv-readmore btn btn-success\" target=\"_self\">Ver Sentencia Completa...<\/a><\/div><\/div><\/div><\/div>\n<div class=\"col-md-12 col-sm-12 col-xs-12 pt-cv-content-item pt-cv-1-col\" ><div class='pt-cv-ifield'><a href=\"https:\/\/www.dmsjuridica.com\/buscador_20179478954\/corteconstitucionalcronologico202454587\/t-570-05\/\" class=\"_self pt-cv-href-thumbnail pt-cv-thumb-default\" target=\"_self\" ><\/a>\n<div class=\"pt-cv-taxoterm above_title\"><a href='https:\/\/www.dmsjuridica.com\/buscador_20179478954\/corteconstitucionalcronologico202454587\/category\/buscar-en-toda-la-corte\/2005\/tutelas-2005\/' title='Tutelas 2005' class='pt-cv-tax-tutelas-2005'>Tutelas 2005<\/a><\/div>\n<h4 class=\"pt-cv-title\"><a href=\"https:\/\/www.dmsjuridica.com\/buscador_20179478954\/corteconstitucionalcronologico202454587\/t-570-05\/\" class=\"_self\" target=\"_self\" >T-570-05<\/a><\/h4>\n<div class=\"pt-cv-content\">\u00a0 \u00a0 Sentencia T-570\/05 \u00a0 ACCION DE TUTELA CONTRA PROVIDENCIA DE LA CORTE SUPREMA DE JUSTICIA-Al no admitir su tr\u00e1mite las diferentes salas de casaci\u00f3n vulneran derechos fundamentales \u00a0 COMPETENCIA A PREVENCION EN TUTELA-Derecho de acudir ante juez unipersonal o colegiado para interponer tutela contra actuaciones de salas de casaci\u00f3n de la Corte Suprema de Justicia \u00a0 ACCION DE TUTELA-Inmediatez\/PRINCIPIO DE INMEDIATEZ-El plazo razonable para presentar tutela debe determinarse con base en las circunstancias del caso concreto\u00a0 \u00a0 Trat\u00e1ndose de procesos judiciales, esta Corporaci\u00f3n considera que el juicio sobre la razonabilidad del t\u00e9rmino ha de ser riguroso en comparaci\u00f3n con ...<br \/><div class=\"pt-cv-rmwrap\"><a href=\"https:\/\/www.dmsjuridica.com\/buscador_20179478954\/corteconstitucionalcronologico202454587\/t-570-05\/\" class=\"_self pt-cv-readmore btn btn-success\" target=\"_self\">Ver Sentencia Completa...<\/a><\/div><\/div><\/div><\/div>\n<div class=\"col-md-12 col-sm-12 col-xs-12 pt-cv-content-item pt-cv-1-col\" ><div class='pt-cv-ifield'><a href=\"https:\/\/www.dmsjuridica.com\/buscador_20179478954\/corteconstitucionalcronologico202454587\/t-569-05\/\" class=\"_self pt-cv-href-thumbnail pt-cv-thumb-default\" target=\"_self\" ><\/a>\n<div class=\"pt-cv-taxoterm above_title\"><a href='https:\/\/www.dmsjuridica.com\/buscador_20179478954\/corteconstitucionalcronologico202454587\/category\/buscar-en-toda-la-corte\/2005\/tutelas-2005\/' title='Tutelas 2005' class='pt-cv-tax-tutelas-2005'>Tutelas 2005<\/a><\/div>\n<h4 class=\"pt-cv-title\"><a href=\"https:\/\/www.dmsjuridica.com\/buscador_20179478954\/corteconstitucionalcronologico202454587\/t-569-05\/\" class=\"_self\" target=\"_self\" >T-569-05<\/a><\/h4>\n<div class=\"pt-cv-content\">\u00a0 \u00a0 Sentencia T-569\/05 \u00a0 LEGITIMACION POR ACTIVA-Hermano en representaci\u00f3n de hermana\/AGENCIA OFICIOSA EN CASO DE MENORES DE EDAD-Procedencia y no aplicaci\u00f3n de rigorismo procesal en cuanto a manifestaci\u00f3n de no estar en condiciones de promover su propia defensa \u00a0 DERECHOS DEL NI\u00d1O-Caso en que sufren de una enfermedad mental y requieren protecci\u00f3n especial\/DERECHO A LA SALUD DE MENORES ENFERMOS MENTALES\/DERECHO A LA SEGURIDAD DE MENORES ENFERMOS MENTALES\u00a0 \u00a0 Los derechos a la salud y a la seguridad social de los ni\u00f1os son de naturaleza fundamental y aut\u00f3noma por expresa disposici\u00f3n del art\u00edculo 44 de la Constituci\u00f3n Pol\u00edtica, lo que ...<br \/><div class=\"pt-cv-rmwrap\"><a href=\"https:\/\/www.dmsjuridica.com\/buscador_20179478954\/corteconstitucionalcronologico202454587\/t-569-05\/\" class=\"_self pt-cv-readmore btn btn-success\" target=\"_self\">Ver Sentencia Completa...<\/a><\/div><\/div><\/div><\/div>\n<div class=\"col-md-12 col-sm-12 col-xs-12 pt-cv-content-item pt-cv-1-col\" ><div class='pt-cv-ifield'><a href=\"https:\/\/www.dmsjuridica.com\/buscador_20179478954\/corteconstitucionalcronologico202454587\/t-568-05\/\" class=\"_self pt-cv-href-thumbnail pt-cv-thumb-default\" target=\"_self\" ><\/a>\n<div class=\"pt-cv-taxoterm above_title\"><a href='https:\/\/www.dmsjuridica.com\/buscador_20179478954\/corteconstitucionalcronologico202454587\/category\/buscar-en-toda-la-corte\/2005\/tutelas-2005\/' title='Tutelas 2005' class='pt-cv-tax-tutelas-2005'>Tutelas 2005<\/a><\/div>\n<h4 class=\"pt-cv-title\"><a href=\"https:\/\/www.dmsjuridica.com\/buscador_20179478954\/corteconstitucionalcronologico202454587\/t-568-05\/\" class=\"_self\" target=\"_self\" >T-568-05<\/a><\/h4>\n<div class=\"pt-cv-content\">\u00a0 \u00a0 Sentencia T-568\/05 \u00a0 PRINCIPIO DE CONTINUIDAD EN EL SERVICIO DE SALUD-Situaciones en que puede encontrarse el trabajador cuando se concluye relaci\u00f3n laboral \u00a0 En la misma sentencia la Corte estableci\u00f3 que la obligaci\u00f3n de garantizar la continuidad del servicio de salud es de car\u00e1cter estrictamente temporal, pues una vez concluida una relaci\u00f3n laboral, el trabajador se puede encontrar en alguna de las siguientes hip\u00f3tesis: i) La persona contin\u00faa vinculada al r\u00e9gimen contributivo de Salud. ii) La persona pasa a estar vinculada al Sistema de Salud, a trav\u00e9s del r\u00e9gimen subsidiado. iii) La persona tiene recursos econ\u00f3micos suficientes para ...<br \/><div class=\"pt-cv-rmwrap\"><a href=\"https:\/\/www.dmsjuridica.com\/buscador_20179478954\/corteconstitucionalcronologico202454587\/t-568-05\/\" class=\"_self pt-cv-readmore btn btn-success\" target=\"_self\">Ver Sentencia Completa...<\/a><\/div><\/div><\/div><\/div>\n<div class=\"col-md-12 col-sm-12 col-xs-12 pt-cv-content-item pt-cv-1-col\" ><div class='pt-cv-ifield'><a href=\"https:\/\/www.dmsjuridica.com\/buscador_20179478954\/corteconstitucionalcronologico202454587\/t-567-05\/\" class=\"_self pt-cv-href-thumbnail pt-cv-thumb-default\" target=\"_self\" ><\/a>\n<div class=\"pt-cv-taxoterm above_title\"><a href='https:\/\/www.dmsjuridica.com\/buscador_20179478954\/corteconstitucionalcronologico202454587\/category\/buscar-en-toda-la-corte\/2005\/tutelas-2005\/' title='Tutelas 2005' class='pt-cv-tax-tutelas-2005'>Tutelas 2005<\/a><\/div>\n<h4 class=\"pt-cv-title\"><a href=\"https:\/\/www.dmsjuridica.com\/buscador_20179478954\/corteconstitucionalcronologico202454587\/t-567-05\/\" class=\"_self\" target=\"_self\" >T-567-05<\/a><\/h4>\n<div class=\"pt-cv-content\">\u00a0 \u00a0 Sentencia T-567\/05 \u00a0 ACCION DE TUTELA-Procedencia excepcional pago de acreencias laborales \u00a0 Esta Corporaci\u00f3n ha se\u00f1alado la procedencia del amparo cuando quiera que la falta de pago de las acreencias laborales produzca la vulneraci\u00f3n del m\u00ednimo vital, la cual se presume en el evento de constatar dicha omisi\u00f3n reiteradamente, durante varios periodos consecutivos, sin que sea posible justificarla en la mala situaci\u00f3n financiera del empleador. Al respecto, en procura de complementar y sistematizar unas pautas b\u00e1sicas a partir de las cuales entender vulnerado el m\u00ednimo vital, la jurisprudencia reciente ha establecido que ello se produce cuando es posible ...<br \/><div class=\"pt-cv-rmwrap\"><a href=\"https:\/\/www.dmsjuridica.com\/buscador_20179478954\/corteconstitucionalcronologico202454587\/t-567-05\/\" class=\"_self pt-cv-readmore btn btn-success\" target=\"_self\">Ver Sentencia Completa...<\/a><\/div><\/div><\/div><\/div>\n<div class=\"col-md-12 col-sm-12 col-xs-12 pt-cv-content-item pt-cv-1-col\" ><div class='pt-cv-ifield'><a href=\"https:\/\/www.dmsjuridica.com\/buscador_20179478954\/corteconstitucionalcronologico202454587\/t-566-05\/\" class=\"_self pt-cv-href-thumbnail pt-cv-thumb-default\" target=\"_self\" ><\/a>\n<div class=\"pt-cv-taxoterm above_title\"><a href='https:\/\/www.dmsjuridica.com\/buscador_20179478954\/corteconstitucionalcronologico202454587\/category\/buscar-en-toda-la-corte\/2005\/tutelas-2005\/' title='Tutelas 2005' class='pt-cv-tax-tutelas-2005'>Tutelas 2005<\/a><\/div>\n<h4 class=\"pt-cv-title\"><a href=\"https:\/\/www.dmsjuridica.com\/buscador_20179478954\/corteconstitucionalcronologico202454587\/t-566-05\/\" class=\"_self\" target=\"_self\" >T-566-05<\/a><\/h4>\n<div class=\"pt-cv-content\">\u00a0 \u00a0 Sentencia T-566\/05 \u00a0 ACCION DE TUTELA EN CASO DE SECUESTRADO-Reglas para la continuidad en el pago de salarios\u00a0 \u00a0 En la providencia C-400\/03, y de lo establecido en la Ley 589 de 2000, la Corte estableci\u00f3 las siguientes reglas sobre el particular: a) Existe el derecho a la continuidad en el pago de salarios u honorarios y a garantizar los aportes a la seguridad social en salud de la familia del afectado, a quien act\u00fae como curador del servidor p\u00fablico o trabajador particular secuestrado o desaparecido, hasta tanto se produzca su libertad. b) El Estado o el empleador ...<br \/><div class=\"pt-cv-rmwrap\"><a href=\"https:\/\/www.dmsjuridica.com\/buscador_20179478954\/corteconstitucionalcronologico202454587\/t-566-05\/\" class=\"_self pt-cv-readmore btn btn-success\" target=\"_self\">Ver Sentencia Completa...<\/a><\/div><\/div><\/div><\/div>\n<div class=\"col-md-12 col-sm-12 col-xs-12 pt-cv-content-item pt-cv-1-col\" ><div class='pt-cv-ifield'><a href=\"https:\/\/www.dmsjuridica.com\/buscador_20179478954\/corteconstitucionalcronologico202454587\/t-565-05\/\" class=\"_self pt-cv-href-thumbnail pt-cv-thumb-default\" target=\"_self\" ><\/a>\n<div class=\"pt-cv-taxoterm above_title\"><a href='https:\/\/www.dmsjuridica.com\/buscador_20179478954\/corteconstitucionalcronologico202454587\/category\/buscar-en-toda-la-corte\/2005\/tutelas-2005\/' title='Tutelas 2005' class='pt-cv-tax-tutelas-2005'>Tutelas 2005<\/a><\/div>\n<h4 class=\"pt-cv-title\"><a href=\"https:\/\/www.dmsjuridica.com\/buscador_20179478954\/corteconstitucionalcronologico202454587\/t-565-05\/\" class=\"_self\" target=\"_self\" >T-565-05<\/a><\/h4>\n<div class=\"pt-cv-content\">\u00a0 \u00a0 Sentencia T-565\/05 \u00a0 HABEAS DATA-Reiteraci\u00f3n sentencia SU-082\/95\u00a0 \u00a0 DERECHO AL HABEAS DATA-No presupone la cancelaci\u00f3n autom\u00e1tica de la informaci\u00f3n negativa que reposa en Centrales de Informaci\u00f3n\/CADUCIDAD DEL DATO-L\u00edmite temporal \u00a0 Se reitera, que el t\u00e9rmino de caducidad de los datos crediticios, en los casos de pago voluntario de la obligaci\u00f3n adeudada, se ajusta a los siguientes par\u00e1metros: (i) un pago voluntario de la obligaci\u00f3n, a partir del cual se contar\u00e1 (ii) un t\u00e9rmino de dos (2) a\u00f1os, salvo en el caso en que la mora sea inferior a un a\u00f1o, evento en el que el t\u00e9rmino de caducidad ...<br \/><div class=\"pt-cv-rmwrap\"><a href=\"https:\/\/www.dmsjuridica.com\/buscador_20179478954\/corteconstitucionalcronologico202454587\/t-565-05\/\" class=\"_self pt-cv-readmore btn btn-success\" target=\"_self\">Ver Sentencia Completa...<\/a><\/div><\/div><\/div><\/div>\n<div class=\"col-md-12 col-sm-12 col-xs-12 pt-cv-content-item pt-cv-1-col\" ><div class='pt-cv-ifield'><a href=\"https:\/\/www.dmsjuridica.com\/buscador_20179478954\/corteconstitucionalcronologico202454587\/t-564-05\/\" class=\"_self pt-cv-href-thumbnail pt-cv-thumb-default\" target=\"_self\" ><\/a>\n<div class=\"pt-cv-taxoterm above_title\"><a href='https:\/\/www.dmsjuridica.com\/buscador_20179478954\/corteconstitucionalcronologico202454587\/category\/buscar-en-toda-la-corte\/2005\/tutelas-2005\/' title='Tutelas 2005' class='pt-cv-tax-tutelas-2005'>Tutelas 2005<\/a><\/div>\n<h4 class=\"pt-cv-title\"><a href=\"https:\/\/www.dmsjuridica.com\/buscador_20179478954\/corteconstitucionalcronologico202454587\/t-564-05\/\" class=\"_self\" target=\"_self\" >T-564-05<\/a><\/h4>\n<div class=\"pt-cv-content\">\u00a0 \u00a0 Sentencia T-564\/05 \u00a0 ACCION DE TUTELA CONTRA PROVIDENCIAS JUDICIALES-Reiteraci\u00f3n de jurisprudencia\/VIA DE HECHO-Clases de defectos \u00a0 Referencia: expediente T-1063491 \u00a0 Acci\u00f3n de tutela instaurada por Leonor Moreno Ortiz, contra las fiscal\u00edas 66 Local, 203 Seccional, 9 Delegada ante la Sala Penal del Tribunal Superior de Bogot\u00e1 y el Jefe de la Unidad Delegada ante esa misma Corporaci\u00f3n, con citaci\u00f3n oficiosa de Cesar Augusto Jairo Guij\u00f3n Guerrero \u00a0 Magistrado Ponente: \u00a0 Dr. JAIME ARA\u00daJO RENTER\u00cdA \u00a0 La Sala Primera de Revisi\u00f3n de la Corte Constitucional, integrada por los Magistrados ALFREDO BELTR\u00c1N SIERRA, MANUEL JOS\u00c9 CEPEDA ESPINOSA y JAIME ARA\u00daJO ...<br \/><div class=\"pt-cv-rmwrap\"><a href=\"https:\/\/www.dmsjuridica.com\/buscador_20179478954\/corteconstitucionalcronologico202454587\/t-564-05\/\" class=\"_self pt-cv-readmore btn btn-success\" target=\"_self\">Ver Sentencia Completa...<\/a><\/div><\/div><\/div><\/div>\n<div class=\"col-md-12 col-sm-12 col-xs-12 pt-cv-content-item pt-cv-1-col\" ><div class='pt-cv-ifield'><a href=\"https:\/\/www.dmsjuridica.com\/buscador_20179478954\/corteconstitucionalcronologico202454587\/t-563-05\/\" class=\"_self pt-cv-href-thumbnail pt-cv-thumb-default\" target=\"_self\" ><\/a>\n<div class=\"pt-cv-taxoterm above_title\"><a href='https:\/\/www.dmsjuridica.com\/buscador_20179478954\/corteconstitucionalcronologico202454587\/category\/buscar-en-toda-la-corte\/2005\/tutelas-2005\/' title='Tutelas 2005' class='pt-cv-tax-tutelas-2005'>Tutelas 2005<\/a><\/div>\n<h4 class=\"pt-cv-title\"><a href=\"https:\/\/www.dmsjuridica.com\/buscador_20179478954\/corteconstitucionalcronologico202454587\/t-563-05\/\" class=\"_self\" target=\"_self\" >T-563-05<\/a><\/h4>\n<div class=\"pt-cv-content\">\u00a0 \u00a0 Sentencia T-563\/05 \u00a0 POBLACION DESPLAZADA\/REGISTRO UNICO DE POBLACION DESPLAZADA-Funci\u00f3n \u00a0 Esta Corporaci\u00f3n ha sostenido que la inscripci\u00f3n en el RUPD no puede ser la que otorga el car\u00e1cter de desplazado, toda vez que la protecci\u00f3n de los derechos fundamentales de aquellas personas que han tenido que abandonar sus hogares a causa del conflicto armado, no puede condicionarse a una certificaci\u00f3n expedida por determinada autoridad a partir de una valoraci\u00f3n subjetiva de una serie de hechos que se presentan a su consideraci\u00f3n. Una conclusi\u00f3n contraria desconocer\u00eda el car\u00e1cter material de la Constituci\u00f3n y la eficacia directa que caracteriza los ...<br \/><div class=\"pt-cv-rmwrap\"><a href=\"https:\/\/www.dmsjuridica.com\/buscador_20179478954\/corteconstitucionalcronologico202454587\/t-563-05\/\" class=\"_self pt-cv-readmore btn btn-success\" target=\"_self\">Ver Sentencia Completa...<\/a><\/div><\/div><\/div><\/div>\n<div class=\"col-md-12 col-sm-12 col-xs-12 pt-cv-content-item pt-cv-1-col\" ><div class='pt-cv-ifield'><a href=\"https:\/\/www.dmsjuridica.com\/buscador_20179478954\/corteconstitucionalcronologico202454587\/t-562-05\/\" class=\"_self pt-cv-href-thumbnail pt-cv-thumb-default\" target=\"_self\" ><\/a>\n<div class=\"pt-cv-taxoterm above_title\"><a href='https:\/\/www.dmsjuridica.com\/buscador_20179478954\/corteconstitucionalcronologico202454587\/category\/buscar-en-toda-la-corte\/2005\/tutelas-2005\/' title='Tutelas 2005' class='pt-cv-tax-tutelas-2005'>Tutelas 2005<\/a><\/div>\n<h4 class=\"pt-cv-title\"><a href=\"https:\/\/www.dmsjuridica.com\/buscador_20179478954\/corteconstitucionalcronologico202454587\/t-562-05\/\" class=\"_self\" target=\"_self\" >T-562-05<\/a><\/h4>\n<div class=\"pt-cv-content\">\u00a0 \u00a0 Sentencia T-562\/05 \u00a0 DERECHO A LA PENSION EN REGIMEN ESPECIAL DE MAGISTRADOS DE ALTAS CORTES-Caso en que es asunto de la jurisdicci\u00f3n ordinaria por no configurarse perjuicio irremediable \u00a0 La Corte ha sostenido reiteradamente una jurisprudencia seg\u00fan la cual los conflictos jur\u00eddicos relacionados con el reconocimiento, reajuste o reliquidaci\u00f3n de pensiones deben ser resueltos por la jurisdicci\u00f3n ordinaria, toda vez que implican la verificaci\u00f3n de los requisitos legales correspondientes en cada caso. Por tal raz\u00f3n, en estos eventos la acci\u00f3n de tutela s\u00f3lo procede en forma excepcional, dado su car\u00e1cter de mecanismo subsidiario de defensa judicial, llamada a ...<br \/><div class=\"pt-cv-rmwrap\"><a href=\"https:\/\/www.dmsjuridica.com\/buscador_20179478954\/corteconstitucionalcronologico202454587\/t-562-05\/\" class=\"_self pt-cv-readmore btn btn-success\" target=\"_self\">Ver Sentencia Completa...<\/a><\/div><\/div><\/div><\/div>\n<div class=\"col-md-12 col-sm-12 col-xs-12 pt-cv-content-item pt-cv-1-col\" ><div class='pt-cv-ifield'><a href=\"https:\/\/www.dmsjuridica.com\/buscador_20179478954\/corteconstitucionalcronologico202454587\/t-561-05\/\" class=\"_self pt-cv-href-thumbnail pt-cv-thumb-default\" target=\"_self\" ><\/a>\n<div class=\"pt-cv-taxoterm above_title\"><a href='https:\/\/www.dmsjuridica.com\/buscador_20179478954\/corteconstitucionalcronologico202454587\/category\/buscar-en-toda-la-corte\/2005\/tutelas-2005\/' title='Tutelas 2005' class='pt-cv-tax-tutelas-2005'>Tutelas 2005<\/a><\/div>\n<h4 class=\"pt-cv-title\"><a href=\"https:\/\/www.dmsjuridica.com\/buscador_20179478954\/corteconstitucionalcronologico202454587\/t-561-05\/\" class=\"_self\" target=\"_self\" >T-561-05<\/a><\/h4>\n<div class=\"pt-cv-content\">\u00a0 \u00a0 Sentencia T-561\/05 \u00a0 DEBIDO PROCESO EN MATERIA DISCIPLINARIA-Elementos \u00a0 La jurisprudencia constitucional ha se\u00f1alado, en particular, tres elementos claves que distinguen la operancia del debido proceso en el campo penal de su aplicaci\u00f3n del campo disciplinario: \u201c(i) la imposibilidad de transportar integralmente los principios del derecho penal al derecho disciplinario, (ii) el incumplimiento de los deberes funcionales como fundamento de la responsabilidad disciplinaria y (iii) la vigencia en el derecho disciplinario del sistema de sanci\u00f3n de las faltas disciplinarias denominado de los n\u00fameros abiertos, o numerus apertus, por oposici\u00f3n al sistema de n\u00fameros cerrados o clausus del derecho ...<br \/><div class=\"pt-cv-rmwrap\"><a href=\"https:\/\/www.dmsjuridica.com\/buscador_20179478954\/corteconstitucionalcronologico202454587\/t-561-05\/\" class=\"_self pt-cv-readmore btn btn-success\" target=\"_self\">Ver Sentencia Completa...<\/a><\/div><\/div><\/div><\/div>\n<div class=\"col-md-12 col-sm-12 col-xs-12 pt-cv-content-item pt-cv-1-col\" ><div class='pt-cv-ifield'><a href=\"https:\/\/www.dmsjuridica.com\/buscador_20179478954\/corteconstitucionalcronologico202454587\/t-560-05\/\" class=\"_self pt-cv-href-thumbnail pt-cv-thumb-default\" target=\"_self\" ><\/a>\n<div class=\"pt-cv-taxoterm above_title\"><a href='https:\/\/www.dmsjuridica.com\/buscador_20179478954\/corteconstitucionalcronologico202454587\/category\/buscar-en-toda-la-corte\/2005\/tutelas-2005\/' title='Tutelas 2005' class='pt-cv-tax-tutelas-2005'>Tutelas 2005<\/a><\/div>\n<h4 class=\"pt-cv-title\"><a href=\"https:\/\/www.dmsjuridica.com\/buscador_20179478954\/corteconstitucionalcronologico202454587\/t-560-05\/\" class=\"_self\" target=\"_self\" >T-560-05<\/a><\/h4>\n<div class=\"pt-cv-content\">\u00a0 \u00a0 Sentencia T-560\/05 \u00a0 ACCION DE TUTELA CONTRA PROVIDENCIAS JUDICIALES-Procedencia cuando no hay recursos ordinarios ni extraordinarios contra \u00e9stas \u00a0 Dentro del tr\u00e1mite incidental promovido contra el Banco Cafetero S.A., la Sala Civil del H. Tribunal Superior de Bogot\u00e1 profiri\u00f3 las providencias de 31 de mayo, 1\u00b0 de noviembre y 11 de diciembre de 2002 para decidir el recurso de apelaci\u00f3n instaurado por ambas partes contra la providencia del 27 de agosto de 1997 del Juzgado Quince Civil del Circuito de Bogot\u00e1, de modo que la acci\u00f3n que se revisa es procedente, porque las decisiones tomadas en segunda instancia ...<br \/><div class=\"pt-cv-rmwrap\"><a href=\"https:\/\/www.dmsjuridica.com\/buscador_20179478954\/corteconstitucionalcronologico202454587\/t-560-05\/\" class=\"_self pt-cv-readmore btn btn-success\" target=\"_self\">Ver Sentencia Completa...<\/a><\/div><\/div><\/div><\/div>\n<div class=\"col-md-12 col-sm-12 col-xs-12 pt-cv-content-item pt-cv-1-col\" ><div class='pt-cv-ifield'><a href=\"https:\/\/www.dmsjuridica.com\/buscador_20179478954\/corteconstitucionalcronologico202454587\/t-559-05\/\" class=\"_self pt-cv-href-thumbnail pt-cv-thumb-default\" target=\"_self\" ><\/a>\n<div class=\"pt-cv-taxoterm above_title\"><a href='https:\/\/www.dmsjuridica.com\/buscador_20179478954\/corteconstitucionalcronologico202454587\/category\/buscar-en-toda-la-corte\/2005\/tutelas-2005\/' title='Tutelas 2005' class='pt-cv-tax-tutelas-2005'>Tutelas 2005<\/a><\/div>\n<h4 class=\"pt-cv-title\"><a href=\"https:\/\/www.dmsjuridica.com\/buscador_20179478954\/corteconstitucionalcronologico202454587\/t-559-05\/\" class=\"_self\" target=\"_self\" >T-559-05<\/a><\/h4>\n<div class=\"pt-cv-content\">\u00a0 \u00a0 Sentencia T-559\/05 \u00a0 LICENCIA DE MATERNIDAD-Protecci\u00f3n constitucional \u00a0 LICENCIA DE MATERNIDAD-Pago por allanamiento a la mora por EPS \u00a0 LICENCIA DE MATERNIDAD-Prueba de la falta de capacidad econ\u00f3mica\/PRINCIPIO DE LA BUENA FE Y LICENCIA DE MATERNIDAD \u00a0 Con relaci\u00f3n a la forma de probar esa afectaci\u00f3n del m\u00ednimo vital y la necesidad del pago de la licencia por no tener otros recursos con los cuales asegurarse una subsistencia digna, la Corte Constitucional ha sido reiterativa al se\u00f1alar que la prueba para establecer la afectaci\u00f3n del m\u00ednimo vital no requiere mayores formalidades, siendo necesario acudir al principio de la ...<br \/><div class=\"pt-cv-rmwrap\"><a href=\"https:\/\/www.dmsjuridica.com\/buscador_20179478954\/corteconstitucionalcronologico202454587\/t-559-05\/\" class=\"_self pt-cv-readmore btn btn-success\" target=\"_self\">Ver Sentencia Completa...<\/a><\/div><\/div><\/div><\/div>\n<div class=\"col-md-12 col-sm-12 col-xs-12 pt-cv-content-item pt-cv-1-col\" ><div class='pt-cv-ifield'><a href=\"https:\/\/www.dmsjuridica.com\/buscador_20179478954\/corteconstitucionalcronologico202454587\/t-558-05\/\" class=\"_self pt-cv-href-thumbnail pt-cv-thumb-default\" target=\"_self\" ><\/a>\n<div class=\"pt-cv-taxoterm above_title\"><a href='https:\/\/www.dmsjuridica.com\/buscador_20179478954\/corteconstitucionalcronologico202454587\/category\/buscar-en-toda-la-corte\/2005\/tutelas-2005\/' title='Tutelas 2005' class='pt-cv-tax-tutelas-2005'>Tutelas 2005<\/a><\/div>\n<h4 class=\"pt-cv-title\"><a href=\"https:\/\/www.dmsjuridica.com\/buscador_20179478954\/corteconstitucionalcronologico202454587\/t-558-05\/\" class=\"_self\" target=\"_self\" >T-558-05<\/a><\/h4>\n<div class=\"pt-cv-content\">\u00a0 \u00a0 Sentencia T-558\/05 \u00a0 PRINCIPIO DE SOLIDARIDAD SOCIAL CON LOS ENFERMOS MENTALES-Alcance \u00a0 Esta Corporaci\u00f3n ha hecho referencia al deber de solidaridad que debe materializarse hacia estos enfermos que se encuentran en debilidad manifiesta. Debido a que su desinstitucionalizaci\u00f3n exige un cuidado especial para brindarles las condiciones m\u00ednimas de subsistencia que les permitan sobrellevar su padecimiento en el seno de su comunidad, la Corte Constitucional ha desarrollado una l\u00ednea jurisprudencial en la que se determina el nivel de solidaridad que la Constituci\u00f3n exige de la familia, de la comunidad y del Estado frente a esta poblaci\u00f3n disminuida mentalmente. Pues ...<br \/><div class=\"pt-cv-rmwrap\"><a href=\"https:\/\/www.dmsjuridica.com\/buscador_20179478954\/corteconstitucionalcronologico202454587\/t-558-05\/\" class=\"_self pt-cv-readmore btn btn-success\" target=\"_self\">Ver Sentencia Completa...<\/a><\/div><\/div><\/div><\/div>\n<div class=\"col-md-12 col-sm-12 col-xs-12 pt-cv-content-item pt-cv-1-col\" ><div class='pt-cv-ifield'><a href=\"https:\/\/www.dmsjuridica.com\/buscador_20179478954\/corteconstitucionalcronologico202454587\/t-557-05\/\" class=\"_self pt-cv-href-thumbnail pt-cv-thumb-default\" target=\"_self\" ><\/a>\n<div class=\"pt-cv-taxoterm above_title\"><a href='https:\/\/www.dmsjuridica.com\/buscador_20179478954\/corteconstitucionalcronologico202454587\/category\/buscar-en-toda-la-corte\/2005\/tutelas-2005\/' title='Tutelas 2005' class='pt-cv-tax-tutelas-2005'>Tutelas 2005<\/a><\/div>\n<h4 class=\"pt-cv-title\"><a href=\"https:\/\/www.dmsjuridica.com\/buscador_20179478954\/corteconstitucionalcronologico202454587\/t-557-05\/\" class=\"_self\" target=\"_self\" >T-557-05<\/a><\/h4>\n<div class=\"pt-cv-content\">\u00a0 \u00a0 Sentencia T-557\/05 \u00a0 EXEQUATUR-Requisitos \u00a0 LEGALIZACION DE DOCUMENTOS PROVENIENTES DE OTRO ESTADO-Convenci\u00f3n no es norma prohibitiva de la utilizaci\u00f3n de otros medios \u00a0 Si la Convenci\u00f3n no es norma prohibitiva de la utilizaci\u00f3n de otros medios para la legalizaci\u00f3n de documentos provenientes de otro Estado, cuando en ella se establece que es el \u00fanico medio exigible, no resulta desatinado entender que lo que simplemente se establece es que con la apostilla es suficiente, y que quienes a ella acudan no pueden ser \u00a0compelidos a utilizar el tr\u00e1mite previsto en el C\u00f3digo de Procedimiento Civil para el efecto. Esto ...<br \/><div class=\"pt-cv-rmwrap\"><a href=\"https:\/\/www.dmsjuridica.com\/buscador_20179478954\/corteconstitucionalcronologico202454587\/t-557-05\/\" class=\"_self pt-cv-readmore btn btn-success\" target=\"_self\">Ver Sentencia Completa...<\/a><\/div><\/div><\/div><\/div>\n<div class=\"col-md-12 col-sm-12 col-xs-12 pt-cv-content-item pt-cv-1-col\" ><div class='pt-cv-ifield'><a href=\"https:\/\/www.dmsjuridica.com\/buscador_20179478954\/corteconstitucionalcronologico202454587\/t-556-05\/\" class=\"_self pt-cv-href-thumbnail pt-cv-thumb-default\" target=\"_self\" ><\/a>\n<div class=\"pt-cv-taxoterm above_title\"><a href='https:\/\/www.dmsjuridica.com\/buscador_20179478954\/corteconstitucionalcronologico202454587\/category\/buscar-en-toda-la-corte\/2005\/tutelas-2005\/' title='Tutelas 2005' class='pt-cv-tax-tutelas-2005'>Tutelas 2005<\/a><\/div>\n<h4 class=\"pt-cv-title\"><a href=\"https:\/\/www.dmsjuridica.com\/buscador_20179478954\/corteconstitucionalcronologico202454587\/t-556-05\/\" class=\"_self\" target=\"_self\" >T-556-05<\/a><\/h4>\n<div class=\"pt-cv-content\">\u00a0 \u00a0 Sentencia T-556\/05 \u00a0 PENSION-Cotizaci\u00f3n conforme a asignaci\u00f3n que corresponde al cargo realmente desempe\u00f1ado\/DERECHO A LA IGUALDAD EN SISTEMA DE PENSION-Cotizaci\u00f3n conforme a asignaci\u00f3n que corresponde al cargo realmente desempe\u00f1ado\/PENSION DE JUBILACION \u00a0 PENSION DE JUBILACION DE FUNCIONARIO DIPLOMATICO-Cotizaci\u00f3n conforme a la asignaci\u00f3n correspondiente al cargo realmente desempe\u00f1ado \u00a0 Como quiera que existe una l\u00ednea jurisprudencial relacionada con en el hecho de que la liquidaci\u00f3n de aportes para pensi\u00f3n de quienes hicieron parte del cuerpo diplom\u00e1tico en el exterior debe hacerse tomando como base el salario realmente devengado y nunca un salario inferior, esta Sala tutelar\u00e1 los derechos fundamentales ...<br \/><div class=\"pt-cv-rmwrap\"><a href=\"https:\/\/www.dmsjuridica.com\/buscador_20179478954\/corteconstitucionalcronologico202454587\/t-556-05\/\" class=\"_self pt-cv-readmore btn btn-success\" target=\"_self\">Ver Sentencia Completa...<\/a><\/div><\/div><\/div><\/div>\n<div class=\"col-md-12 col-sm-12 col-xs-12 pt-cv-content-item pt-cv-1-col\" ><div class='pt-cv-ifield'><a href=\"https:\/\/www.dmsjuridica.com\/buscador_20179478954\/corteconstitucionalcronologico202454587\/t-553-05\/\" class=\"_self pt-cv-href-thumbnail pt-cv-thumb-default\" target=\"_self\" ><\/a>\n<div class=\"pt-cv-taxoterm above_title\"><a href='https:\/\/www.dmsjuridica.com\/buscador_20179478954\/corteconstitucionalcronologico202454587\/category\/buscar-en-toda-la-corte\/2005\/tutelas-2005\/' title='Tutelas 2005' class='pt-cv-tax-tutelas-2005'>Tutelas 2005<\/a><\/div>\n<h4 class=\"pt-cv-title\"><a href=\"https:\/\/www.dmsjuridica.com\/buscador_20179478954\/corteconstitucionalcronologico202454587\/t-553-05\/\" class=\"_self\" target=\"_self\" >T-553-05<\/a><\/h4>\n<div class=\"pt-cv-content\">\u00a0 \u00a0 Sentencia T-553\/05 \u00a0 ACCION DE TUTELA-Procedencia excepcional pago de salarios atrasados \u00a0 -Reiteraci\u00f3n de Jurisprudencia- \u00a0 Referencia: expediente T-1070324 \u00a0 Acci\u00f3n de tutela instaurada por Isabel Arrazola \u00c1ngel contra el Director de la E.S.E Hospital Universitario de Barranquilla. \u00a0 \u00a0 \u00a0 Magistrado Ponente: \u00a0 Dr. JAIME ARAUJO RENTER\u00cdA \u00a0 Bogot\u00e1, D. C., veinticinco ( 25 ) de mayo de dos mil cinco (2005). \u00a0 La Sala Primera de Revisi\u00f3n de la Corte Constitucional, integrada por los Magistrados ALFREDO BELTRAN SIERRA, MANUEL JOSE CEPEDA ESPINOSA y JAIME ARAUJO RENTERIA, en ejercicio de sus competencias constitucionales y legales, ha proferido ...<br \/><div class=\"pt-cv-rmwrap\"><a href=\"https:\/\/www.dmsjuridica.com\/buscador_20179478954\/corteconstitucionalcronologico202454587\/t-553-05\/\" class=\"_self pt-cv-readmore btn btn-success\" target=\"_self\">Ver Sentencia Completa...<\/a><\/div><\/div><\/div><\/div>\n<div class=\"col-md-12 col-sm-12 col-xs-12 pt-cv-content-item pt-cv-1-col\" ><div class='pt-cv-ifield'><a href=\"https:\/\/www.dmsjuridica.com\/buscador_20179478954\/corteconstitucionalcronologico202454587\/t-552-05\/\" class=\"_self pt-cv-href-thumbnail pt-cv-thumb-default\" target=\"_self\" ><\/a>\n<div class=\"pt-cv-taxoterm above_title\"><a href='https:\/\/www.dmsjuridica.com\/buscador_20179478954\/corteconstitucionalcronologico202454587\/category\/buscar-en-toda-la-corte\/2005\/tutelas-2005\/' title='Tutelas 2005' class='pt-cv-tax-tutelas-2005'>Tutelas 2005<\/a><\/div>\n<h4 class=\"pt-cv-title\"><a href=\"https:\/\/www.dmsjuridica.com\/buscador_20179478954\/corteconstitucionalcronologico202454587\/t-552-05\/\" class=\"_self\" target=\"_self\" >T-552-05<\/a><\/h4>\n<div class=\"pt-cv-content\">\u00a0 \u00a0 Sentencia T-552\/05 \u00a0 ACTO ADMINISTRATIVO-Deber de motivaci\u00f3n \u00a0 La motivaci\u00f3n de los actos administrativos es una carga que el derecho constitucional y administrativo contempor\u00e1neo impone a la administraci\u00f3n, seg\u00fan la cual \u00e9sta se encuentra obligada a exponer las razones de hecho y de derecho que determinan su actuar en determinado sentido. As\u00ed, el deber de motivar los actos administrativos, salvo excepciones precisas, se revela como un l\u00edmite a la discrecionalidad de la administraci\u00f3n. \u00a0 INCAPACIDAD LABORAL-Procedencia de nueva valoraci\u00f3n\/TRIBUNAL MEDICO LABORAL DE REVISION MILITAR-Orden de realizar nueva valoraci\u00f3n m\u00e9dica\/DEBIDO PROCESO Y ACTO ADMINISTRATIVO-Vulneraci\u00f3n por falta de motivaci\u00f3n \u00a0 ...<br \/><div class=\"pt-cv-rmwrap\"><a href=\"https:\/\/www.dmsjuridica.com\/buscador_20179478954\/corteconstitucionalcronologico202454587\/t-552-05\/\" class=\"_self pt-cv-readmore btn btn-success\" target=\"_self\">Ver Sentencia Completa...<\/a><\/div><\/div><\/div><\/div>\n<div class=\"col-md-12 col-sm-12 col-xs-12 pt-cv-content-item pt-cv-1-col\" ><div class='pt-cv-ifield'><a href=\"https:\/\/www.dmsjuridica.com\/buscador_20179478954\/corteconstitucionalcronologico202454587\/t-551-05\/\" class=\"_self pt-cv-href-thumbnail pt-cv-thumb-default\" target=\"_self\" ><\/a>\n<div class=\"pt-cv-taxoterm above_title\"><a href='https:\/\/www.dmsjuridica.com\/buscador_20179478954\/corteconstitucionalcronologico202454587\/category\/buscar-en-toda-la-corte\/2005\/tutelas-2005\/' title='Tutelas 2005' class='pt-cv-tax-tutelas-2005'>Tutelas 2005<\/a><\/div>\n<h4 class=\"pt-cv-title\"><a href=\"https:\/\/www.dmsjuridica.com\/buscador_20179478954\/corteconstitucionalcronologico202454587\/t-551-05\/\" class=\"_self\" target=\"_self\" >T-551-05<\/a><\/h4>\n<div class=\"pt-cv-content\">\u00a0 \u00a0 Sentencia T-551\/05 \u00a0 DERECHO DE PETICION EN MATERIA PENSIONAL-T\u00e9rminos \u00a0 Referencia: expediente T-1068883 \u00a0 Acci\u00f3n de tutela instaurada por MARGARITA CLARO JURE contra el INSTITUTO DE SEGUROS SOCIALES \u2013 SECCIONAL SANTANDER \u2013 GERENCIA DE PENSIONES \u00a0 \u00a0\u00a0 \u00a0 Magistrado Ponente: \u00a0 Dr. JAIME ARA\u00daJO RENTER\u00cdA \u00a0 Bogot\u00e1, D. C., veinticinco ( 25 ) de \u00a0mayo de dos mil cinco (2005). \u00a0 La Sala Primera de Revisi\u00f3n de la Corte Constitucional, integrada por los Magistrados ALFREDO BELTR\u00c1N SIERRA, MANUEL JOS\u00c9 CEPEDA ESPINOSA y JAIME ARA\u00daJO RENTER\u00cdA, en ejercicio de sus competencias constitucionales y legales, ha proferido la siguiente: \u00a0 ...<br \/><div class=\"pt-cv-rmwrap\"><a href=\"https:\/\/www.dmsjuridica.com\/buscador_20179478954\/corteconstitucionalcronologico202454587\/t-551-05\/\" class=\"_self pt-cv-readmore btn btn-success\" target=\"_self\">Ver Sentencia Completa...<\/a><\/div><\/div><\/div><\/div>\n<div class=\"col-md-12 col-sm-12 col-xs-12 pt-cv-content-item pt-cv-1-col\" ><div class='pt-cv-ifield'><a href=\"https:\/\/www.dmsjuridica.com\/buscador_20179478954\/corteconstitucionalcronologico202454587\/t-550-05\/\" class=\"_self pt-cv-href-thumbnail pt-cv-thumb-default\" target=\"_self\" ><\/a>\n<div class=\"pt-cv-taxoterm above_title\"><a href='https:\/\/www.dmsjuridica.com\/buscador_20179478954\/corteconstitucionalcronologico202454587\/category\/buscar-en-toda-la-corte\/2005\/tutelas-2005\/' title='Tutelas 2005' class='pt-cv-tax-tutelas-2005'>Tutelas 2005<\/a><\/div>\n<h4 class=\"pt-cv-title\"><a href=\"https:\/\/www.dmsjuridica.com\/buscador_20179478954\/corteconstitucionalcronologico202454587\/t-550-05\/\" class=\"_self\" target=\"_self\" >T-550-05<\/a><\/h4>\n<div class=\"pt-cv-content\">\u00a0 \u00a0 Sentencia T-550\/05 \u00a0 DERECHO A LA EDUCACION-Car\u00e1cter fundamental \u00a0 Ha sido una constante, en la jurisprudencia constitucional colombiana, el reconocimiento de la Educaci\u00f3n como un derecho de car\u00e1cter fundamental por cuanto le permite a los individuos el acceso a todos los bienes y haberes de la cultura e, igualmente, su incorporaci\u00f3n eficaz y efectiva en el conglomerado social que les rodea, medio necesario para el desarrollo pleno del conjunto de sus potencialidades. En este sentido, la Educaci\u00f3n se constituye en atributo dignificante del Ser Humano lo mismo que en presupuesto b\u00e1sico para la realizaci\u00f3n y vigencia de los ...<br \/><div class=\"pt-cv-rmwrap\"><a href=\"https:\/\/www.dmsjuridica.com\/buscador_20179478954\/corteconstitucionalcronologico202454587\/t-550-05\/\" class=\"_self pt-cv-readmore btn btn-success\" target=\"_self\">Ver Sentencia Completa...<\/a><\/div><\/div><\/div><\/div>\n<div class=\"col-md-12 col-sm-12 col-xs-12 pt-cv-content-item pt-cv-1-col\" ><div class='pt-cv-ifield'><a href=\"https:\/\/www.dmsjuridica.com\/buscador_20179478954\/corteconstitucionalcronologico202454587\/t-549-05\/\" class=\"_self pt-cv-href-thumbnail pt-cv-thumb-default\" target=\"_self\" ><\/a>\n<div class=\"pt-cv-taxoterm above_title\"><a href='https:\/\/www.dmsjuridica.com\/buscador_20179478954\/corteconstitucionalcronologico202454587\/category\/buscar-en-toda-la-corte\/2005\/tutelas-2005\/' title='Tutelas 2005' class='pt-cv-tax-tutelas-2005'>Tutelas 2005<\/a><\/div>\n<h4 class=\"pt-cv-title\"><a href=\"https:\/\/www.dmsjuridica.com\/buscador_20179478954\/corteconstitucionalcronologico202454587\/t-549-05\/\" class=\"_self\" target=\"_self\" >T-549-05<\/a><\/h4>\n<div class=\"pt-cv-content\">\u00a0 \u00a0 Sentencia T-549\/05 \u00a0 LICENCIA DE MATERNIDAD-Pago por tutela cuando se est\u00e1 ante el m\u00ednimo vital \u00a0 LICENCIA DE MATERNIDAD-Reglas para reconocimiento y pago \u00a0 LICENCIA DE MATERNIDAD-Situaci\u00f3n legal para acceder a las prestaciones econ\u00f3micas \u00a0 La situaci\u00f3n legal para acceder a las prestaciones econ\u00f3micas que se derivan de la licencia de maternidad la trabajadora deber\u00e1: (i) haber cotizado ininterrumpidamente durante todo el per\u00edodo de gestaci\u00f3n; (ii) haber cancelado en forma completa el aporte durante el a\u00f1o anterior a la fecha de la solicitud; (iii) haber cancelado en forma oportuna al menos cuatro aportes durante los seis meses anteriores ...<br \/><div class=\"pt-cv-rmwrap\"><a href=\"https:\/\/www.dmsjuridica.com\/buscador_20179478954\/corteconstitucionalcronologico202454587\/t-549-05\/\" class=\"_self pt-cv-readmore btn btn-success\" target=\"_self\">Ver Sentencia Completa...<\/a><\/div><\/div><\/div><\/div>\n<div class=\"col-md-12 col-sm-12 col-xs-12 pt-cv-content-item pt-cv-1-col\" ><div class='pt-cv-ifield'><a href=\"https:\/\/www.dmsjuridica.com\/buscador_20179478954\/corteconstitucionalcronologico202454587\/t-548-05\/\" class=\"_self pt-cv-href-thumbnail pt-cv-thumb-default\" target=\"_self\" ><\/a>\n<div class=\"pt-cv-taxoterm above_title\"><a href='https:\/\/www.dmsjuridica.com\/buscador_20179478954\/corteconstitucionalcronologico202454587\/category\/buscar-en-toda-la-corte\/2005\/tutelas-2005\/' title='Tutelas 2005' class='pt-cv-tax-tutelas-2005'>Tutelas 2005<\/a><\/div>\n<h4 class=\"pt-cv-title\"><a href=\"https:\/\/www.dmsjuridica.com\/buscador_20179478954\/corteconstitucionalcronologico202454587\/t-548-05\/\" class=\"_self\" target=\"_self\" >T-548-05<\/a><\/h4>\n<div class=\"pt-cv-content\">\u00a0 \u00a0 Sentencia T-548\/05 \u00a0 DERECHO A LA SALUD-Fundamental por conexidad\/DERECHO A LA SEGURIDAD SOCIAL-Servicios vitales y esenciales para el mantenimiento de una vida digna \u00a0 INAPLICACION DE NORMAS DEL PLAN OBLIGATORIO DE SALUD-Hip\u00f3tesis f\u00e1cticas que la determinan \u00a0 REGIMEN SUBSIDIADO DE SEGURIDAD SOCIAL EN SALUD-Alcance \u00a0 SISTEMA DE SEGURIDAD SOCIAL EN SALUD-El no pago de la cuota moderadora no puede ser una barrera de acceso a la salud de los mas pobres \u00a0 CORTE CONSTITUCIONAL-Llamado de atenci\u00f3n al Gobierno\/SISTEMA GENERAL DE SEGURIDAD SOCIAL EN SALUD-Cumplimiento oportuno de vinculaci\u00f3n de todo colombiano \u00a0 Referencia: expediente T-1062367 \u00a0 Acci\u00f3n de tutela ...<br \/><div class=\"pt-cv-rmwrap\"><a href=\"https:\/\/www.dmsjuridica.com\/buscador_20179478954\/corteconstitucionalcronologico202454587\/t-548-05\/\" class=\"_self pt-cv-readmore btn btn-success\" target=\"_self\">Ver Sentencia Completa...<\/a><\/div><\/div><\/div><\/div>\n<div class=\"col-md-12 col-sm-12 col-xs-12 pt-cv-content-item pt-cv-1-col\" ><div class='pt-cv-ifield'><a href=\"https:\/\/www.dmsjuridica.com\/buscador_20179478954\/corteconstitucionalcronologico202454587\/t-547-05\/\" class=\"_self pt-cv-href-thumbnail pt-cv-thumb-default\" target=\"_self\" ><\/a>\n<div class=\"pt-cv-taxoterm above_title\"><a href='https:\/\/www.dmsjuridica.com\/buscador_20179478954\/corteconstitucionalcronologico202454587\/category\/buscar-en-toda-la-corte\/2005\/tutelas-2005\/' title='Tutelas 2005' class='pt-cv-tax-tutelas-2005'>Tutelas 2005<\/a><\/div>\n<h4 class=\"pt-cv-title\"><a href=\"https:\/\/www.dmsjuridica.com\/buscador_20179478954\/corteconstitucionalcronologico202454587\/t-547-05\/\" class=\"_self\" target=\"_self\" >T-547-05<\/a><\/h4>\n<div class=\"pt-cv-content\">\u00a0 \u00a0 Sentencia T-547\/05 \u00a0 ACCION DE TUTELA-Improcedencia pago de honorarios derivados de contrato de prestaci\u00f3n de servicios \u00a0 Resulta improcedente conceder el amparo solicitado, como quiera que el car\u00e1cter subsidiario de la acci\u00f3n de tutela est\u00e1 determinado por la inexistencia de otros medios ordinarios de defensa judicial, o, en presencia de estos, constituye un mecanismo transitorio con el fin de conjurar un perjuicio irremediable, dada la ineficacia de los medios ordinarios para evitar la vulneraci\u00f3n del derecho fundamental. No obstante, dicha ineficacia no puede predicarse cuando el interesado no ha acudido en tiempo razonable ante la jurisdicci\u00f3n competente con ...<br \/><div class=\"pt-cv-rmwrap\"><a href=\"https:\/\/www.dmsjuridica.com\/buscador_20179478954\/corteconstitucionalcronologico202454587\/t-547-05\/\" class=\"_self pt-cv-readmore btn btn-success\" target=\"_self\">Ver Sentencia Completa...<\/a><\/div><\/div><\/div><\/div>\n<div class=\"col-md-12 col-sm-12 col-xs-12 pt-cv-content-item pt-cv-1-col\" ><div class='pt-cv-ifield'><a href=\"https:\/\/www.dmsjuridica.com\/buscador_20179478954\/corteconstitucionalcronologico202454587\/t-546-05\/\" class=\"_self pt-cv-href-thumbnail pt-cv-thumb-default\" target=\"_self\" ><\/a>\n<div class=\"pt-cv-taxoterm above_title\"><a href='https:\/\/www.dmsjuridica.com\/buscador_20179478954\/corteconstitucionalcronologico202454587\/category\/buscar-en-toda-la-corte\/2005\/tutelas-2005\/' title='Tutelas 2005' class='pt-cv-tax-tutelas-2005'>Tutelas 2005<\/a><\/div>\n<h4 class=\"pt-cv-title\"><a href=\"https:\/\/www.dmsjuridica.com\/buscador_20179478954\/corteconstitucionalcronologico202454587\/t-546-05\/\" class=\"_self\" target=\"_self\" >T-546-05<\/a><\/h4>\n<div class=\"pt-cv-content\">\u00a0 \u00a0 Sentencia T-546\/05 \u00a0 ACCIONES AFIRMATIVAS-Protecci\u00f3n especial a las madres cabeza de familia \u00a0 FAMILIA-Protecci\u00f3n especial a trabajadores en condiciones de debilidad manifiesta \u00a0 PROVIDENCIAS DE LA CORTE CONSTITUCIONAL-Efecto inter communis en los efectos del fallo de la sentencia la SU.388 de 2005 caso madres cabeza de familia de Telecom \u00a0 En la Sentencia SU-388 de 2005, la Sala Plena determin\u00f3 que, por excepci\u00f3n, los efectos del fallo ser\u00edan \u00ednter communis. Con ello quedaron cobijados dentro de sus efectos todos aquellos casos de madres cabeza de familia desvinculadas de Telecom en aplicaci\u00f3n del Decreto 190 de 2003 y la ...<br \/><div class=\"pt-cv-rmwrap\"><a href=\"https:\/\/www.dmsjuridica.com\/buscador_20179478954\/corteconstitucionalcronologico202454587\/t-546-05\/\" class=\"_self pt-cv-readmore btn btn-success\" target=\"_self\">Ver Sentencia Completa...<\/a><\/div><\/div><\/div><\/div>\n<div class=\"col-md-12 col-sm-12 col-xs-12 pt-cv-content-item pt-cv-1-col\" ><div class='pt-cv-ifield'><a href=\"https:\/\/www.dmsjuridica.com\/buscador_20179478954\/corteconstitucionalcronologico202454587\/t-545-05\/\" class=\"_self pt-cv-href-thumbnail pt-cv-thumb-default\" target=\"_self\" ><\/a>\n<div class=\"pt-cv-taxoterm above_title\"><a href='https:\/\/www.dmsjuridica.com\/buscador_20179478954\/corteconstitucionalcronologico202454587\/category\/buscar-en-toda-la-corte\/2005\/tutelas-2005\/' title='Tutelas 2005' class='pt-cv-tax-tutelas-2005'>Tutelas 2005<\/a><\/div>\n<h4 class=\"pt-cv-title\"><a href=\"https:\/\/www.dmsjuridica.com\/buscador_20179478954\/corteconstitucionalcronologico202454587\/t-545-05\/\" class=\"_self\" target=\"_self\" >T-545-05<\/a><\/h4>\n<div class=\"pt-cv-content\">\u00a0 \u00a0 Sentencia T-545\/05 \u00a0 TRASLADO DE DOCENTES POR PERMUTA-Se configuran presupuestos para que proceda tutela\u00a0 \u00a0 El an\u00e1lisis que va a efectuar esta Sala en la presente sentencia parte de premisas sustancialmente diferentes a las utilizadas por los jueces de instancia . \u00c9sta tiene que ver con la idea ya expuesta en el sentido de que el art\u00edculo 22 de la Ley 715 de 2001 y las dem\u00e1s normas que regulan el traslado, al permitir expresamente que \u00e9ste pueda efectuarse a trav\u00e9s de manifestaciones de la voluntad, no hace m\u00e1s que reconocer la eficacia, aplicada a cada caso espec\u00edfico, ...<br \/><div class=\"pt-cv-rmwrap\"><a href=\"https:\/\/www.dmsjuridica.com\/buscador_20179478954\/corteconstitucionalcronologico202454587\/t-545-05\/\" class=\"_self pt-cv-readmore btn btn-success\" target=\"_self\">Ver Sentencia Completa...<\/a><\/div><\/div><\/div><\/div>\n<div class=\"col-md-12 col-sm-12 col-xs-12 pt-cv-content-item pt-cv-1-col\" ><div class='pt-cv-ifield'><a href=\"https:\/\/www.dmsjuridica.com\/buscador_20179478954\/corteconstitucionalcronologico202454587\/t-530-05\/\" class=\"_self pt-cv-href-thumbnail pt-cv-thumb-default\" target=\"_self\" ><\/a>\n<div class=\"pt-cv-taxoterm above_title\"><a href='https:\/\/www.dmsjuridica.com\/buscador_20179478954\/corteconstitucionalcronologico202454587\/category\/buscar-en-toda-la-corte\/2005\/tutelas-2005\/' title='Tutelas 2005' class='pt-cv-tax-tutelas-2005'>Tutelas 2005<\/a><\/div>\n<h4 class=\"pt-cv-title\"><a href=\"https:\/\/www.dmsjuridica.com\/buscador_20179478954\/corteconstitucionalcronologico202454587\/t-530-05\/\" class=\"_self\" target=\"_self\" >T-530-05<\/a><\/h4>\n<div class=\"pt-cv-content\">\u00a0 \u00a0 Sentencia T-530\/05 \u00a0 DERECHO A LA ESTABILIDAD LABORAL REFORZADA DE PERSONA ENFERMA-L\u00ednea jurisprudencial \u00a0 La jurisprudencia ha protegido a personas infectadas con VIH cuando ha constatado que la raz\u00f3n de su despido, en realidad, fue su estado de salud, a la vez que no ha protegido a personas en el mismo estado cuando no se ha comprobado que la decisi\u00f3n de desvincularlos se debi\u00f3 a su condici\u00f3n de salud. La Corte resumi\u00f3 esta l\u00ednea jurisprudencial en la sentencia T-519 de 2003 en los siguientes t\u00e9rminos: \u201c(i) en principio no existe un derecho fundamental a la estabilidad laboral; sin ...<br \/><div class=\"pt-cv-rmwrap\"><a href=\"https:\/\/www.dmsjuridica.com\/buscador_20179478954\/corteconstitucionalcronologico202454587\/t-530-05\/\" class=\"_self pt-cv-readmore btn btn-success\" target=\"_self\">Ver Sentencia Completa...<\/a><\/div><\/div><\/div><\/div>\n<div class=\"col-md-12 col-sm-12 col-xs-12 pt-cv-content-item pt-cv-1-col\" ><div class='pt-cv-ifield'><a href=\"https:\/\/www.dmsjuridica.com\/buscador_20179478954\/corteconstitucionalcronologico202454587\/t-529-05\/\" class=\"_self pt-cv-href-thumbnail pt-cv-thumb-default\" target=\"_self\" ><\/a>\n<div class=\"pt-cv-taxoterm above_title\"><a href='https:\/\/www.dmsjuridica.com\/buscador_20179478954\/corteconstitucionalcronologico202454587\/category\/buscar-en-toda-la-corte\/2005\/tutelas-2005\/' title='Tutelas 2005' class='pt-cv-tax-tutelas-2005'>Tutelas 2005<\/a><\/div>\n<h4 class=\"pt-cv-title\"><a href=\"https:\/\/www.dmsjuridica.com\/buscador_20179478954\/corteconstitucionalcronologico202454587\/t-529-05\/\" class=\"_self\" target=\"_self\" >T-529-05<\/a><\/h4>\n<div class=\"pt-cv-content\">\u00a0 \u00a0 Sentencia T-529\/05 \u00a0 ACCION DE TUTELA-Procedencia excepcional para ordenar pago de reajuste pensional \u00a0 Ante la situaci\u00f3n de extrema vulnerabilidad que enfrenta el actor, y el hecho que la resoluci\u00f3n de su situaci\u00f3n por parte de la justicia laboral o de la contencioso administrativa a\u00fan puede tardar varios a\u00f1os, encuentra la Corte necesario otorgar una protecci\u00f3n transitoria al actor, en aras de garantizar la efectividad de su derecho de petici\u00f3n y de su m\u00ednimo vital. En el expediente obra prueba de que el valor reconocido como mesada pensional al actor en 1985 fue de $99.287,39 pesos, y dado ...<br \/><div class=\"pt-cv-rmwrap\"><a href=\"https:\/\/www.dmsjuridica.com\/buscador_20179478954\/corteconstitucionalcronologico202454587\/t-529-05\/\" class=\"_self pt-cv-readmore btn btn-success\" target=\"_self\">Ver Sentencia Completa...<\/a><\/div><\/div><\/div><\/div>\n<div class=\"col-md-12 col-sm-12 col-xs-12 pt-cv-content-item pt-cv-1-col\" ><div class='pt-cv-ifield'><a href=\"https:\/\/www.dmsjuridica.com\/buscador_20179478954\/corteconstitucionalcronologico202454587\/t-528-05\/\" class=\"_self pt-cv-href-thumbnail pt-cv-thumb-default\" target=\"_self\" ><\/a>\n<div class=\"pt-cv-taxoterm above_title\"><a href='https:\/\/www.dmsjuridica.com\/buscador_20179478954\/corteconstitucionalcronologico202454587\/category\/buscar-en-toda-la-corte\/2005\/tutelas-2005\/' title='Tutelas 2005' class='pt-cv-tax-tutelas-2005'>Tutelas 2005<\/a><\/div>\n<h4 class=\"pt-cv-title\"><a href=\"https:\/\/www.dmsjuridica.com\/buscador_20179478954\/corteconstitucionalcronologico202454587\/t-528-05\/\" class=\"_self\" target=\"_self\" >T-528-05<\/a><\/h4>\n<div class=\"pt-cv-content\">\u00a0 \u00a0 Sentencia T-528\/05 \u00a0 CONCURSO DE MERITOS-Finalidad\u00a0 \u00a0 CARRERA ADMINISTRATIVA-Principio en los procesos de selecci\u00f3n\u00a0 \u00a0 CARRERA JUDICIAL-Etapas del sistema de ingreso a los cargos de carrera \u00a0 CONCURSO DE MERITOS-Etapas \u00a0 CONCURSO DE MERITOS-Experiencia acad\u00e9mica o practica y entrevista\u00a0 \u00a0 CONCURSO DE MERITOS-Eliminaci\u00f3n se da en el transcurso del curso-concurso\u00a0 \u00a0 CONCURSO DE MERITOS-Pruebas que tienen efecto eliminatorio \u00a0 Referencia: expediente T-1031221 \u00a0 Acci\u00f3n de tutela instaurada Maria Cristina Marles Rodr\u00edguez contra el Consejo Superior de la Judicatura \u00a0 Magistrado Ponente:\u00a0 \u00a0 Dr. Manuel Jos\u00e9 Cepeda Espinosa \u00a0 Bogot\u00e1, D.C., veinte (20) de mayo de dos mil cinco ...<br \/><div class=\"pt-cv-rmwrap\"><a href=\"https:\/\/www.dmsjuridica.com\/buscador_20179478954\/corteconstitucionalcronologico202454587\/t-528-05\/\" class=\"_self pt-cv-readmore btn btn-success\" target=\"_self\">Ver Sentencia Completa...<\/a><\/div><\/div><\/div><\/div>\n<div class=\"col-md-12 col-sm-12 col-xs-12 pt-cv-content-item pt-cv-1-col\" ><div class='pt-cv-ifield'><a href=\"https:\/\/www.dmsjuridica.com\/buscador_20179478954\/corteconstitucionalcronologico202454587\/t-527-05\/\" class=\"_self pt-cv-href-thumbnail pt-cv-thumb-default\" target=\"_self\" ><\/a>\n<div class=\"pt-cv-taxoterm above_title\"><a href='https:\/\/www.dmsjuridica.com\/buscador_20179478954\/corteconstitucionalcronologico202454587\/category\/buscar-en-toda-la-corte\/2005\/tutelas-2005\/' title='Tutelas 2005' class='pt-cv-tax-tutelas-2005'>Tutelas 2005<\/a><\/div>\n<h4 class=\"pt-cv-title\"><a href=\"https:\/\/www.dmsjuridica.com\/buscador_20179478954\/corteconstitucionalcronologico202454587\/t-527-05\/\" class=\"_self\" target=\"_self\" >T-527-05<\/a><\/h4>\n<div class=\"pt-cv-content\">\u00a0 \u00a0 Sentencia T-527\/05 \u00a0 DERECHO DE ACCESO A DOCUMENTOS PUBLICOS-Contenido y alcance \u00a0 Respecto a la naturaleza del derecho, la jurisprudencia constitucional ha concluido la existencia de un derecho fundamental aut\u00f3nomo al acceso a los documentos p\u00fablicos, el cual se deriva de la disposici\u00f3n normativa prevista en el art\u00edculo 74 de la Carta, que, a su vez, es una expresi\u00f3n concreta del ejercicio del derecho de petici\u00f3n ante las autoridades del Estado. En relaci\u00f3n con el contenido del derecho, el precedente parte de considerar que el acceso a los documentos p\u00fablicos es una condici\u00f3n necesaria e imprescindible para el ...<br \/><div class=\"pt-cv-rmwrap\"><a href=\"https:\/\/www.dmsjuridica.com\/buscador_20179478954\/corteconstitucionalcronologico202454587\/t-527-05\/\" class=\"_self pt-cv-readmore btn btn-success\" target=\"_self\">Ver Sentencia Completa...<\/a><\/div><\/div><\/div><\/div>\n<div class=\"col-md-12 col-sm-12 col-xs-12 pt-cv-content-item pt-cv-1-col\" ><div class='pt-cv-ifield'><a href=\"https:\/\/www.dmsjuridica.com\/buscador_20179478954\/corteconstitucionalcronologico202454587\/t-526-05\/\" class=\"_self pt-cv-href-thumbnail pt-cv-thumb-default\" target=\"_self\" ><\/a>\n<div class=\"pt-cv-taxoterm above_title\"><a href='https:\/\/www.dmsjuridica.com\/buscador_20179478954\/corteconstitucionalcronologico202454587\/category\/buscar-en-toda-la-corte\/2005\/tutelas-2005\/' title='Tutelas 2005' class='pt-cv-tax-tutelas-2005'>Tutelas 2005<\/a><\/div>\n<h4 class=\"pt-cv-title\"><a href=\"https:\/\/www.dmsjuridica.com\/buscador_20179478954\/corteconstitucionalcronologico202454587\/t-526-05\/\" class=\"_self\" target=\"_self\" >T-526-05<\/a><\/h4>\n<div class=\"pt-cv-content\">\u00a0 \u00a0 Sentencia T-526\/05 \u00a0 DERECHO A LA SALUD DE PERSONA DE LA TERCERA EDAD-Suministro de bolsas de colostom\u00eda \u00a0 ACCION DE TUTELA Y PRINCIPIO DE INMEDIATEZ-Debe indagarse si demora obedeci\u00f3 a justa causa \u00a0 No basta con que haya transcurrido un tiempo considerable desde la amenaza o violaci\u00f3n del derecho fundamental para descartar la procedencia \u00a0del amparo constitucional, pues se hace necesario indagar si la demora \u00a0en su ejercicio obedeci\u00f3 a una justa causa, evento en el cual tendr\u00eda que aceptarse la acci\u00f3n de tutela. En el caso bajo revisi\u00f3n observa la Sala que la accionante efectu\u00f3 manifestaci\u00f3n relacionada ...<br \/><div class=\"pt-cv-rmwrap\"><a href=\"https:\/\/www.dmsjuridica.com\/buscador_20179478954\/corteconstitucionalcronologico202454587\/t-526-05\/\" class=\"_self pt-cv-readmore btn btn-success\" target=\"_self\">Ver Sentencia Completa...<\/a><\/div><\/div><\/div><\/div>\n<div class=\"col-md-12 col-sm-12 col-xs-12 pt-cv-content-item pt-cv-1-col\" ><div class='pt-cv-ifield'><a href=\"https:\/\/www.dmsjuridica.com\/buscador_20179478954\/corteconstitucionalcronologico202454587\/t-525-05\/\" class=\"_self pt-cv-href-thumbnail pt-cv-thumb-default\" target=\"_self\" ><\/a>\n<div class=\"pt-cv-taxoterm above_title\"><a href='https:\/\/www.dmsjuridica.com\/buscador_20179478954\/corteconstitucionalcronologico202454587\/category\/buscar-en-toda-la-corte\/2005\/tutelas-2005\/' title='Tutelas 2005' class='pt-cv-tax-tutelas-2005'>Tutelas 2005<\/a><\/div>\n<h4 class=\"pt-cv-title\"><a href=\"https:\/\/www.dmsjuridica.com\/buscador_20179478954\/corteconstitucionalcronologico202454587\/t-525-05\/\" class=\"_self\" target=\"_self\" >T-525-05<\/a><\/h4>\n<div class=\"pt-cv-content\">\u00a0 \u00a0 Sentencia T-525\/05 \u00a0 SERVICIOS PUBLICOS DOMICILIARIOS Y DERECHOS FUNDAMENTALES \u00a0 La empresa que suministre el servicio p\u00fablico, deber\u00e1 prodigar un trato igualitario a sus usuarios, sin que pueda justificar tratos especiales o discriminatorios entre los mismos, Por tal motivo, y sin reparar quien sea el usuario, deber\u00e1 suspender la prestaci\u00f3n del mismo, cuando se hayan dejado de cancelar tres (3) meses de facturas, pues de concederse tratos privilegiados se estar\u00eda desconociendo lo estatuido por la ley y vulnerando en consecuencia, derechos constitucionales del propietario como responsable solidario del contrato de servicios p\u00fablicos domiciliarios. \u00a0 SERVICIO DE ENERGIA-Desconexi\u00f3n por ...<br \/><div class=\"pt-cv-rmwrap\"><a href=\"https:\/\/www.dmsjuridica.com\/buscador_20179478954\/corteconstitucionalcronologico202454587\/t-525-05\/\" class=\"_self pt-cv-readmore btn btn-success\" target=\"_self\">Ver Sentencia Completa...<\/a><\/div><\/div><\/div><\/div>\n<div class=\"col-md-12 col-sm-12 col-xs-12 pt-cv-content-item pt-cv-1-col\" ><div class='pt-cv-ifield'><a href=\"https:\/\/www.dmsjuridica.com\/buscador_20179478954\/corteconstitucionalcronologico202454587\/t-524-05\/\" class=\"_self pt-cv-href-thumbnail pt-cv-thumb-default\" target=\"_self\" ><\/a>\n<div class=\"pt-cv-taxoterm above_title\"><a href='https:\/\/www.dmsjuridica.com\/buscador_20179478954\/corteconstitucionalcronologico202454587\/category\/buscar-en-toda-la-corte\/2005\/tutelas-2005\/' title='Tutelas 2005' class='pt-cv-tax-tutelas-2005'>Tutelas 2005<\/a><\/div>\n<h4 class=\"pt-cv-title\"><a href=\"https:\/\/www.dmsjuridica.com\/buscador_20179478954\/corteconstitucionalcronologico202454587\/t-524-05\/\" class=\"_self\" target=\"_self\" >T-524-05<\/a><\/h4>\n<div class=\"pt-cv-content\">\u00a0 \u00a0 Sentencia T-524\/05 \u00a0 COMISION INTERAMERICANA DE DERECHOS HUMANOS-Naturaleza y especificidades de los pronunciamientos \u00a0 \u00a0 \u00a0 MEDIDAS CAUTELARES DECRETADAS POR LA COMISION INTERAMERICANA DE DERECHOS HUMANOS-Autoridades encargadas de la ejecuci\u00f3n\/MEDIDAS CAUTELARES DECRETADAS POR LA COMISION INTERAMERICANA DE DERECHOS HUMANOS-Alcance de obligaciones de autoridades encargadas de la ejecuci\u00f3n \u00a0 MEDIDAS CAUTELARES DECRETADAS POR LA COMISION INTERAMERICANA DE DERECHOS HUMANOS-Alcance de la protecci\u00f3n que debe brindar el Estado \u00a0 \u00a0 \u00a0 ACCION DE TUTELA Y MEDIDAS CAUTELARES DECRETADAS POR LA COMISION INTERAMERICANA DE DERECHOS HUMANOS \u00a0 MEDIDAS CAUTELARES DECRETADAS POR LA COMISION INTERAMERICANA DE DERECHOS HUMANOS-Deber de garant\u00eda de entidades ...<br \/><div class=\"pt-cv-rmwrap\"><a href=\"https:\/\/www.dmsjuridica.com\/buscador_20179478954\/corteconstitucionalcronologico202454587\/t-524-05\/\" class=\"_self pt-cv-readmore btn btn-success\" target=\"_self\">Ver Sentencia Completa...<\/a><\/div><\/div><\/div><\/div>\n<div class=\"col-md-12 col-sm-12 col-xs-12 pt-cv-content-item pt-cv-1-col\" ><div class='pt-cv-ifield'><a href=\"https:\/\/www.dmsjuridica.com\/buscador_20179478954\/corteconstitucionalcronologico202454587\/t-522-05\/\" class=\"_self pt-cv-href-thumbnail pt-cv-thumb-default\" target=\"_self\" ><\/a>\n<div class=\"pt-cv-taxoterm above_title\"><a href='https:\/\/www.dmsjuridica.com\/buscador_20179478954\/corteconstitucionalcronologico202454587\/category\/buscar-en-toda-la-corte\/2005\/tutelas-2005\/' title='Tutelas 2005' class='pt-cv-tax-tutelas-2005'>Tutelas 2005<\/a><\/div>\n<h4 class=\"pt-cv-title\"><a href=\"https:\/\/www.dmsjuridica.com\/buscador_20179478954\/corteconstitucionalcronologico202454587\/t-522-05\/\" class=\"_self\" target=\"_self\" >T-522-05<\/a><\/h4>\n<div class=\"pt-cv-content\">\u00a0 \u00a0 Sentencia T-522\/05 \u00a0 CONCURSO DE MERITOS-Finalidad\u00a0 \u00a0 CARRERA ADMINISTRATIVA-Principio en los procesos de selecci\u00f3n\u00a0 \u00a0 CARRERA JUDICIAL-Etapas del sistema de ingreso a los cargos de carrera \u00a0 CONCURSO DE MERITOS-Etapas \u00a0 CONCURSO DE MERITOS-Experiencia acad\u00e9mica o practica y entrevista\u00a0 \u00a0 CONCURSO DE MERITOS-Eliminaci\u00f3n se da en el transcurso del curso-concurso\u00a0 \u00a0 Referencia: expediente T-1044795 \u00a0 Accionante: Zoila Rosa del Socorro Fern\u00e1ndez Moreno. \u00a0 \u00a0 Demandado: Sala Administrativa del Consejo Superior de la Judicatura.\u00a0 \u00a0 Magistrado Ponente:\u00a0 \u00a0 Dr. RODRIGO ESCOBAR GIL \u00a0 Bogot\u00e1, D.C., diecinueve (19) de mayo de dos mil cinco (2005). \u00a0 La Sala Quinta de ...<br \/><div class=\"pt-cv-rmwrap\"><a href=\"https:\/\/www.dmsjuridica.com\/buscador_20179478954\/corteconstitucionalcronologico202454587\/t-522-05\/\" class=\"_self pt-cv-readmore btn btn-success\" target=\"_self\">Ver Sentencia Completa...<\/a><\/div><\/div><\/div><\/div>\n<div class=\"col-md-12 col-sm-12 col-xs-12 pt-cv-content-item pt-cv-1-col\" ><div class='pt-cv-ifield'><a href=\"https:\/\/www.dmsjuridica.com\/buscador_20179478954\/corteconstitucionalcronologico202454587\/t-521-05\/\" class=\"_self pt-cv-href-thumbnail pt-cv-thumb-default\" target=\"_self\" ><\/a>\n<div class=\"pt-cv-taxoterm above_title\"><a href='https:\/\/www.dmsjuridica.com\/buscador_20179478954\/corteconstitucionalcronologico202454587\/category\/buscar-en-toda-la-corte\/2005\/tutelas-2005\/' title='Tutelas 2005' class='pt-cv-tax-tutelas-2005'>Tutelas 2005<\/a><\/div>\n<h4 class=\"pt-cv-title\"><a href=\"https:\/\/www.dmsjuridica.com\/buscador_20179478954\/corteconstitucionalcronologico202454587\/t-521-05\/\" class=\"_self\" target=\"_self\" >T-521-05<\/a><\/h4>\n<div class=\"pt-cv-content\">\u00a0 \u00a0 Sentencia T-521\/05 \u00a0 ACCION DE TUTELA-Hecho superado por cuanto ya se profiri\u00f3 sentencia penal \u00a0 Referencia: expediente T-1041407. \u00a0 Accionante: C\u00e9sar Augusto Lara Guti\u00e9rrez. \u00a0 Accionado: Juzgado Segundo Penal del Circuito Especializado de Ibagu\u00e9. \u00a0 Magistrado Ponente: \u00a0 Dr. RODRIGO ESCOBAR GIL. \u00a0 Bogot\u00e1 D.C., diecinueve (19) de mayo de dos mil cinco (2005). \u00a0 La Sala Quinta de Revisi\u00f3n de la Corte Constitucional, integrada por los Magistrados Rodrigo Escobar Gil, Marco Gerardo Monroy Cabra y Humberto Antonio Sierra Porto, en ejercicio de sus competencias constitucionales y legales, ha pronunciado la siguiente \u00a0 SENTENCIA \u00a0 Dentro del proceso ...<br \/><div class=\"pt-cv-rmwrap\"><a href=\"https:\/\/www.dmsjuridica.com\/buscador_20179478954\/corteconstitucionalcronologico202454587\/t-521-05\/\" class=\"_self pt-cv-readmore btn btn-success\" target=\"_self\">Ver Sentencia Completa...<\/a><\/div><\/div><\/div><\/div>\n<div class=\"col-md-12 col-sm-12 col-xs-12 pt-cv-content-item pt-cv-1-col\" ><div class='pt-cv-ifield'><a href=\"https:\/\/www.dmsjuridica.com\/buscador_20179478954\/corteconstitucionalcronologico202454587\/t-520-05\/\" class=\"_self pt-cv-href-thumbnail pt-cv-thumb-default\" target=\"_self\" ><\/a>\n<div class=\"pt-cv-taxoterm above_title\"><a href='https:\/\/www.dmsjuridica.com\/buscador_20179478954\/corteconstitucionalcronologico202454587\/category\/buscar-en-toda-la-corte\/2005\/tutelas-2005\/' title='Tutelas 2005' class='pt-cv-tax-tutelas-2005'>Tutelas 2005<\/a><\/div>\n<h4 class=\"pt-cv-title\"><a href=\"https:\/\/www.dmsjuridica.com\/buscador_20179478954\/corteconstitucionalcronologico202454587\/t-520-05\/\" class=\"_self\" target=\"_self\" >T-520-05<\/a><\/h4>\n<div class=\"pt-cv-content\">\u00a0 \u00a0 Sentencia T-520\/05 \u00a0 AGENCIA OFICIOSA EN TUTELA-Representaci\u00f3n de hermana\/AGENCIA OFICIOSA EN TUTELA-Par\u00e1metros que permiten establecer procedencia en cada caso concreto \u00a0 A partir de su configuraci\u00f3n normativa, la Corte ha desarrollado los par\u00e1metros que permiten establecer la procedencia de la agencia oficiosa en cada caso concreto: a. En primer lugar, es necesario que el agente oficioso afirme actuar en calidad de tal. b. En segundo lugar, se requiere que el titular del derecho amenazado o vulnerado se encuentre en imposibilidad de promover su propia defensa. El concepto de imposibilidad remite, ha dicho la Corte, a circunstancias f\u00edsicas, como ...<br \/><div class=\"pt-cv-rmwrap\"><a href=\"https:\/\/www.dmsjuridica.com\/buscador_20179478954\/corteconstitucionalcronologico202454587\/t-520-05\/\" class=\"_self pt-cv-readmore btn btn-success\" target=\"_self\">Ver Sentencia Completa...<\/a><\/div><\/div><\/div><\/div>\n<div class=\"col-md-12 col-sm-12 col-xs-12 pt-cv-content-item pt-cv-1-col\" ><div class='pt-cv-ifield'><a href=\"https:\/\/www.dmsjuridica.com\/buscador_20179478954\/corteconstitucionalcronologico202454587\/t-519-05\/\" class=\"_self pt-cv-href-thumbnail pt-cv-thumb-default\" target=\"_self\" ><\/a>\n<div class=\"pt-cv-taxoterm above_title\"><a href='https:\/\/www.dmsjuridica.com\/buscador_20179478954\/corteconstitucionalcronologico202454587\/category\/buscar-en-toda-la-corte\/2005\/tutelas-2005\/' title='Tutelas 2005' class='pt-cv-tax-tutelas-2005'>Tutelas 2005<\/a><\/div>\n<h4 class=\"pt-cv-title\"><a href=\"https:\/\/www.dmsjuridica.com\/buscador_20179478954\/corteconstitucionalcronologico202454587\/t-519-05\/\" class=\"_self\" target=\"_self\" >T-519-05<\/a><\/h4>\n<div class=\"pt-cv-content\">\u00a0 \u00a0 Sentencia T-519\/05 \u00a0 ACCION DE TUTELA CONTRA PROVIDENCIAS JUDICIALES-Reiteraci\u00f3n de jurisprudencia\/VIA DE HECHO-Juez de tutela debe evaluar la existencia de \u00e9stas \u00a0 La misi\u00f3n del juez de tutela es la de evaluar la existencia de posibles v\u00edas de hecho de la acci\u00f3n judicial. No obstante, debe aclararse que como lo ha reiterado esta Corporaci\u00f3n, el juicio realizado por el juez constitucional no puede convertirse en una nueva oportunidad para controvertir el material probatorio o las decisiones adoptadas por el juez en el transcurso del proceso, pues de hacerlo invadir\u00eda \u00f3rbitas que no son de su competencia. \u00a0 AUTO ...<br \/><div class=\"pt-cv-rmwrap\"><a href=\"https:\/\/www.dmsjuridica.com\/buscador_20179478954\/corteconstitucionalcronologico202454587\/t-519-05\/\" class=\"_self pt-cv-readmore btn btn-success\" target=\"_self\">Ver Sentencia Completa...<\/a><\/div><\/div><\/div><\/div>\n<div class=\"col-md-12 col-sm-12 col-xs-12 pt-cv-content-item pt-cv-1-col\" ><div class='pt-cv-ifield'><a href=\"https:\/\/www.dmsjuridica.com\/buscador_20179478954\/corteconstitucionalcronologico202454587\/t-518-05\/\" class=\"_self pt-cv-href-thumbnail pt-cv-thumb-default\" target=\"_self\" ><\/a>\n<div class=\"pt-cv-taxoterm above_title\"><a href='https:\/\/www.dmsjuridica.com\/buscador_20179478954\/corteconstitucionalcronologico202454587\/category\/buscar-en-toda-la-corte\/2005\/tutelas-2005\/' title='Tutelas 2005' class='pt-cv-tax-tutelas-2005'>Tutelas 2005<\/a><\/div>\n<h4 class=\"pt-cv-title\"><a href=\"https:\/\/www.dmsjuridica.com\/buscador_20179478954\/corteconstitucionalcronologico202454587\/t-518-05\/\" class=\"_self\" target=\"_self\" >T-518-05<\/a><\/h4>\n<div class=\"pt-cv-content\">\u00a0 \u00a0 Sentencia T-518\/05 \u00a0 ACCION DE TUTELA CONTRA PROVIDENCIAS JUDICIALES-Reiteraci\u00f3n de jurisprudencia \u00a0 VIA DE HECHO POR DEFECTO SUSTANTIVO-Inexistencia \u00a0 CONTRATO DE APUESTA-Momento en que se perfecciona\/PRINCIPIO DE TRANSPARENCIA-En explotaci\u00f3n de apuestas permanentes \u00a0 Del texto del art\u00edculo 49 del Decreto 33 de 1984 no se deduce, inequ\u00edvocamente, que el contrato de apuesta se configure de manera definitiva con la entrega del formulario al concesionario por parte del vendedor. La norma establece una obligaci\u00f3n a cargo del vendedor del chance, consistente en entregar el talonario al concesionario antes del sorteo respectivo, pero ning\u00fan elemento de la disposici\u00f3n indica, de ...<br \/><div class=\"pt-cv-rmwrap\"><a href=\"https:\/\/www.dmsjuridica.com\/buscador_20179478954\/corteconstitucionalcronologico202454587\/t-518-05\/\" class=\"_self pt-cv-readmore btn btn-success\" target=\"_self\">Ver Sentencia Completa...<\/a><\/div><\/div><\/div><\/div>\n<div class=\"col-md-12 col-sm-12 col-xs-12 pt-cv-content-item pt-cv-1-col\" ><div class='pt-cv-ifield'><a href=\"https:\/\/www.dmsjuridica.com\/buscador_20179478954\/corteconstitucionalcronologico202454587\/t-517-05\/\" class=\"_self pt-cv-href-thumbnail pt-cv-thumb-default\" target=\"_self\" ><\/a>\n<div class=\"pt-cv-taxoterm above_title\"><a href='https:\/\/www.dmsjuridica.com\/buscador_20179478954\/corteconstitucionalcronologico202454587\/category\/buscar-en-toda-la-corte\/2005\/tutelas-2005\/' title='Tutelas 2005' class='pt-cv-tax-tutelas-2005'>Tutelas 2005<\/a><\/div>\n<h4 class=\"pt-cv-title\"><a href=\"https:\/\/www.dmsjuridica.com\/buscador_20179478954\/corteconstitucionalcronologico202454587\/t-517-05\/\" class=\"_self\" target=\"_self\" >T-517-05<\/a><\/h4>\n<div class=\"pt-cv-content\">\u00a0 \u00a0 Sentencia T-517\/05 \u00a0 DERECHO A LA SALUD-Pr\u00e1ctica de cirug\u00eda de miomas \u00a0 INCAPACIDAD ECONOMICA-Prueba \u00a0 REGIMEN DE SEGURIDAD SOCIAL EN SALUD-Improcedencia de exigir pago de cuotas moderadoras \u00a0 INAPLICACION DE NORMAS-Art\u00edculo 18 del Decreto 2357 de 1995 sobre pago de cuotas de recuperaci\u00f3n y copagos \u00a0 \u00a0 Referencia: T-1062649 \u00a0 Peticionario: Tirso Bastidas Ortiz en representaci\u00f3n de Laura Marina Bustos \u00a0 Accionado: CAPRECOM E.P.S., CAPRECOM A.R.S, Departamento del Tolima y la Secretar\u00eda de Salud del Tolima \u00a0 Magistrado Ponente:\u00a0 \u00a0 Dr. MARCO GERARDO MONROY CABRA \u00a0 Bogot\u00e1 D.C., diecinueve (19) de \u00a0mayo de dos mil cinco (2005) \u00a0 ...<br \/><div class=\"pt-cv-rmwrap\"><a href=\"https:\/\/www.dmsjuridica.com\/buscador_20179478954\/corteconstitucionalcronologico202454587\/t-517-05\/\" class=\"_self pt-cv-readmore btn btn-success\" target=\"_self\">Ver Sentencia Completa...<\/a><\/div><\/div><\/div><\/div>\n<div class=\"col-md-12 col-sm-12 col-xs-12 pt-cv-content-item pt-cv-1-col\" ><div class='pt-cv-ifield'><a href=\"https:\/\/www.dmsjuridica.com\/buscador_20179478954\/corteconstitucionalcronologico202454587\/t-516-05\/\" class=\"_self pt-cv-href-thumbnail pt-cv-thumb-default\" target=\"_self\" ><\/a>\n<div class=\"pt-cv-taxoterm above_title\"><a href='https:\/\/www.dmsjuridica.com\/buscador_20179478954\/corteconstitucionalcronologico202454587\/category\/buscar-en-toda-la-corte\/2005\/tutelas-2005\/' title='Tutelas 2005' class='pt-cv-tax-tutelas-2005'>Tutelas 2005<\/a><\/div>\n<h4 class=\"pt-cv-title\"><a href=\"https:\/\/www.dmsjuridica.com\/buscador_20179478954\/corteconstitucionalcronologico202454587\/t-516-05\/\" class=\"_self\" target=\"_self\" >T-516-05<\/a><\/h4>\n<div class=\"pt-cv-content\">\u00a0 \u00a0 Sentencia T-516\/05 \u00a0 IMPEDIMENTO DE MAGISTRADO PONENTE-Caso en que se decidi\u00f3 paso del proceso a la Sala de Revisi\u00f3n siguiente \u00a0 ACCION DE TUTELA CONTRA PROVIDENCIAS JUDICIALES-Causales de procedencia\u00a0 \u00a0 DEBIDO PROCESO DE TERCEROS QUE SON LLAMADOS EN GARANTIA EN ACCION DE GRUPO \u00a0 El llamado en garant\u00eda cuenta con las mismas prerrogativas que una parte procesal, y como tal, puede coadyuvar la posici\u00f3n y las excepciones planteadas por el llamante o invocar otras diferentes; presentar y controvertir pruebas; la sentencia, cuando decide en forma definitiva sobre las relaciones jur\u00eddicas entre llamante y llamado, hace tr\u00e1nsito a cosa ...<br \/><div class=\"pt-cv-rmwrap\"><a href=\"https:\/\/www.dmsjuridica.com\/buscador_20179478954\/corteconstitucionalcronologico202454587\/t-516-05\/\" class=\"_self pt-cv-readmore btn btn-success\" target=\"_self\">Ver Sentencia Completa...<\/a><\/div><\/div><\/div><\/div>\n<div class=\"col-md-12 col-sm-12 col-xs-12 pt-cv-content-item pt-cv-1-col\" ><div class='pt-cv-ifield'><a href=\"https:\/\/www.dmsjuridica.com\/buscador_20179478954\/corteconstitucionalcronologico202454587\/t-515-05\/\" class=\"_self pt-cv-href-thumbnail pt-cv-thumb-default\" target=\"_self\" ><\/a>\n<div class=\"pt-cv-taxoterm above_title\"><a href='https:\/\/www.dmsjuridica.com\/buscador_20179478954\/corteconstitucionalcronologico202454587\/category\/buscar-en-toda-la-corte\/2005\/tutelas-2005\/' title='Tutelas 2005' class='pt-cv-tax-tutelas-2005'>Tutelas 2005<\/a><\/div>\n<h4 class=\"pt-cv-title\"><a href=\"https:\/\/www.dmsjuridica.com\/buscador_20179478954\/corteconstitucionalcronologico202454587\/t-515-05\/\" class=\"_self\" target=\"_self\" >T-515-05<\/a><\/h4>\n<div class=\"pt-cv-content\">\u00a0 \u00a0 Sentencia T-515\/05 \u00a0 ACCION DE TUTELA CONTRA PROVIDENCIAS JUDICIALES-Requisitos de car\u00e1cter formal y de contenido material que deben tenerse en cuenta para procedencia \u00a0 VIA DE HECHO-Concepto que se ha precisado jurisprudencialmente \u00a0 ACCION DE TUTELA-Inmediatez \u00a0 Referencia: expediente T-1050562 \u00a0 Acci\u00f3n de tutela instaurada por Carmen Silene L\u00f3pez Iguaran y Carmen Elena Aguilar Brugues contra el Tribunal Superior del Distrito Judicial de Riohacha \u2013 Sala de Decisi\u00f3n Civil \u2013 Familia \u2013 Laboral.\u00a0 \u00a0 Magistrada Ponente: \u00a0 Dra. CLARA IN\u00c9S VARGAS HERN\u00c1NDEZ \u00a0 Bogot\u00e1 D.C., diecinueve (19) de mayo de dos mil Cinco (2005). \u00a0 La Sala Novena ...<br \/><div class=\"pt-cv-rmwrap\"><a href=\"https:\/\/www.dmsjuridica.com\/buscador_20179478954\/corteconstitucionalcronologico202454587\/t-515-05\/\" class=\"_self pt-cv-readmore btn btn-success\" target=\"_self\">Ver Sentencia Completa...<\/a><\/div><\/div><\/div><\/div>\n<div class=\"col-md-12 col-sm-12 col-xs-12 pt-cv-content-item pt-cv-1-col\" ><div class='pt-cv-ifield'><a href=\"https:\/\/www.dmsjuridica.com\/buscador_20179478954\/corteconstitucionalcronologico202454587\/t-514-05\/\" class=\"_self pt-cv-href-thumbnail pt-cv-thumb-default\" target=\"_self\" ><\/a>\n<div class=\"pt-cv-taxoterm above_title\"><a href='https:\/\/www.dmsjuridica.com\/buscador_20179478954\/corteconstitucionalcronologico202454587\/category\/buscar-en-toda-la-corte\/2005\/tutelas-2005\/' title='Tutelas 2005' class='pt-cv-tax-tutelas-2005'>Tutelas 2005<\/a><\/div>\n<h4 class=\"pt-cv-title\"><a href=\"https:\/\/www.dmsjuridica.com\/buscador_20179478954\/corteconstitucionalcronologico202454587\/t-514-05\/\" class=\"_self\" target=\"_self\" >T-514-05<\/a><\/h4>\n<div class=\"pt-cv-content\">\u00a0 \u00a0 Sentencia T-514\/05 \u00a0 ACCION DE TUTELA Y MEDIO DE DEFENSA JUDICIAL-Caso de concurso de m\u00e9ritos para acceder a cargo de carrera \u00a0 ACCION DE TUTELA Y PRINCIPIO DE INMEDIATEZ-Ejercicio oportuno \u00a0 La Corte entiende que la acci\u00f3n de tutela constituye el mecanismo id\u00f3neo para determinar si la decisi\u00f3n de la Fuerza A\u00e9rea Colombiana, en el sentido de excluir a la peticionaria del curso para oficiales del cuerpo administrativo de esa instituci\u00f3n, vulner\u00f3 alguno de sus derechos fundamentales. Igualmente, encuentra que su ejercicio fue oportuno. \u00a0 CONCURSO DE MERITOS-Valoraci\u00f3n de la entrevista \u00a0 Hay \u00e1mbitos, como la entrevista, donde ...<br \/><div class=\"pt-cv-rmwrap\"><a href=\"https:\/\/www.dmsjuridica.com\/buscador_20179478954\/corteconstitucionalcronologico202454587\/t-514-05\/\" class=\"_self pt-cv-readmore btn btn-success\" target=\"_self\">Ver Sentencia Completa...<\/a><\/div><\/div><\/div><\/div>\n<div class=\"col-md-12 col-sm-12 col-xs-12 pt-cv-content-item pt-cv-1-col\" ><div class='pt-cv-ifield'><a href=\"https:\/\/www.dmsjuridica.com\/buscador_20179478954\/corteconstitucionalcronologico202454587\/t-513-05\/\" class=\"_self pt-cv-href-thumbnail pt-cv-thumb-default\" target=\"_self\" ><\/a>\n<div class=\"pt-cv-taxoterm above_title\"><a href='https:\/\/www.dmsjuridica.com\/buscador_20179478954\/corteconstitucionalcronologico202454587\/category\/buscar-en-toda-la-corte\/2005\/tutelas-2005\/' title='Tutelas 2005' class='pt-cv-tax-tutelas-2005'>Tutelas 2005<\/a><\/div>\n<h4 class=\"pt-cv-title\"><a href=\"https:\/\/www.dmsjuridica.com\/buscador_20179478954\/corteconstitucionalcronologico202454587\/t-513-05\/\" class=\"_self\" target=\"_self\" >T-513-05<\/a><\/h4>\n<div class=\"pt-cv-content\">\u00a0 \u00a0 Sentencia T-513\/05 \u00a0 ACCION DE TUTELA PARA RELIQUIDACION DE PENSIONES-Requisitos de procedibilidad\/ACCION DE TUTELA PARA RELIQUIDACION DE PENSIONES-Caso de servidores p\u00fablicos que prestaron sus servicios en el exterior\/PENSION-Cotizaci\u00f3n conforme a asignaci\u00f3n que corresponde al cargo realmente desempe\u00f1ado\/DERECHO A LA IGUALDAD EN SISTEMA DE PENSION-Cotizaci\u00f3n conforme a asignaci\u00f3n que corresponde al cargo realmente desempe\u00f1ado \u00a0 La Corte ha construido y mantenido en sede de tutela un l\u00ednea jurisprudencia clara, seg\u00fan la cual la pensi\u00f3n de jubilaci\u00f3n y en general las prestaciones sociales de los servidores p\u00fablicos que prestan sus servicios en el exterior deben ser liquidadas con base en ...<br \/><div class=\"pt-cv-rmwrap\"><a href=\"https:\/\/www.dmsjuridica.com\/buscador_20179478954\/corteconstitucionalcronologico202454587\/t-513-05\/\" class=\"_self pt-cv-readmore btn btn-success\" target=\"_self\">Ver Sentencia Completa...<\/a><\/div><\/div><\/div><\/div>\n<div class=\"col-md-12 col-sm-12 col-xs-12 pt-cv-content-item pt-cv-1-col\" ><div class='pt-cv-ifield'><a href=\"https:\/\/www.dmsjuridica.com\/buscador_20179478954\/corteconstitucionalcronologico202454587\/t-512-05\/\" class=\"_self pt-cv-href-thumbnail pt-cv-thumb-default\" target=\"_self\" ><\/a>\n<div class=\"pt-cv-taxoterm above_title\"><a href='https:\/\/www.dmsjuridica.com\/buscador_20179478954\/corteconstitucionalcronologico202454587\/category\/buscar-en-toda-la-corte\/2005\/tutelas-2005\/' title='Tutelas 2005' class='pt-cv-tax-tutelas-2005'>Tutelas 2005<\/a><\/div>\n<h4 class=\"pt-cv-title\"><a href=\"https:\/\/www.dmsjuridica.com\/buscador_20179478954\/corteconstitucionalcronologico202454587\/t-512-05\/\" class=\"_self\" target=\"_self\" >T-512-05<\/a><\/h4>\n<div class=\"pt-cv-content\">\u00a0 \u00a0 Sentencia T-512\/05 \u00a0 RETENCION DE BIEN INMUEBLE EN PROCESO DE CONOCIMIENTO-Alcance \u00a0 CONTRATO DE COMPRAVENTA-Caso en que se declar\u00f3 resuelto por incumplimiento del vendedor\u00a0 \u00a0 INCIDENTE DE OPOSICION AL SECUESTRO-Se declar\u00f3 infundado por el Tribunal \u00a0 Referencia: expediente T-1002829 \u00a0 Acci\u00f3n de tutela instaurada por Eugenio Pinillos Zuleta contra la Sala Civil del H. Tribunal Superior de Medell\u00edn\u00a0 \u00a0 Magistrado Ponente: \u00a0 Dr. ALVARO TAFUR GALVIS \u00a0 Bogot\u00e1, D.C., diecinueve (19) de mayo de dos mil cinco (2005). \u00a0 SENTENCIA \u00a0 en el proceso de revisi\u00f3n de los fallos adoptados por las Salas de Casaci\u00f3n Civil y Laboral ...<br \/><div class=\"pt-cv-rmwrap\"><a href=\"https:\/\/www.dmsjuridica.com\/buscador_20179478954\/corteconstitucionalcronologico202454587\/t-512-05\/\" class=\"_self pt-cv-readmore btn btn-success\" target=\"_self\">Ver Sentencia Completa...<\/a><\/div><\/div><\/div><\/div>\n<div class=\"col-md-12 col-sm-12 col-xs-12 pt-cv-content-item pt-cv-1-col\" ><div class='pt-cv-ifield'><a href=\"https:\/\/www.dmsjuridica.com\/buscador_20179478954\/corteconstitucionalcronologico202454587\/t-511-05\/\" class=\"_self pt-cv-href-thumbnail pt-cv-thumb-default\" target=\"_self\" ><\/a>\n<div class=\"pt-cv-taxoterm above_title\"><a href='https:\/\/www.dmsjuridica.com\/buscador_20179478954\/corteconstitucionalcronologico202454587\/category\/buscar-en-toda-la-corte\/2005\/tutelas-2005\/' title='Tutelas 2005' class='pt-cv-tax-tutelas-2005'>Tutelas 2005<\/a><\/div>\n<h4 class=\"pt-cv-title\"><a href=\"https:\/\/www.dmsjuridica.com\/buscador_20179478954\/corteconstitucionalcronologico202454587\/t-511-05\/\" class=\"_self\" target=\"_self\" >T-511-05<\/a><\/h4>\n<div class=\"pt-cv-content\">\u00a0 \u00a0 Sentencia T-511\/05 \u00a0 DERECHO DE PETICION EN MATERIA PENSIONAL- T\u00e9rminos \u00a0 ACTO DE INCLUSION EN NOMINA EN CUMPLIMIENTO DE SENTENCIA-Procedencia de tutela \u00a0 Acci\u00f3n de tutela instaurada por AMANDA DE JES\u00daS RESTREPO DE RUIZ contra SEGURO SOCIAL SECCIONAL ANTIOQUIA \u00a0 Magistrado Ponente: \u00a0 Dr. ALVARO TAFUR GALVIS \u00a0 Bogot\u00e1, D.C., diecinueve (19) de mayo de dos mil cinco (2005). \u00a0 La Sala Octava de Revisi\u00f3n de la Corte Constitucional, integrada por los magistrados Clara In\u00e9s Vargas Hern\u00e1ndez, Jaime Araujo Renter\u00eda y \u00c1lvaro Tafur Galvis, en ejercicio de sus competencias constitucionales y legales, ha proferido la siguiente \u00a0 SENTENCIA ...<br \/><div class=\"pt-cv-rmwrap\"><a href=\"https:\/\/www.dmsjuridica.com\/buscador_20179478954\/corteconstitucionalcronologico202454587\/t-511-05\/\" class=\"_self pt-cv-readmore btn btn-success\" target=\"_self\">Ver Sentencia Completa...<\/a><\/div><\/div><\/div><\/div>\n<div class=\"col-md-12 col-sm-12 col-xs-12 pt-cv-content-item pt-cv-1-col\" ><div class='pt-cv-ifield'><a href=\"https:\/\/www.dmsjuridica.com\/buscador_20179478954\/corteconstitucionalcronologico202454587\/t-510-05\/\" class=\"_self pt-cv-href-thumbnail pt-cv-thumb-default\" target=\"_self\" ><\/a>\n<div class=\"pt-cv-taxoterm above_title\"><a href='https:\/\/www.dmsjuridica.com\/buscador_20179478954\/corteconstitucionalcronologico202454587\/category\/buscar-en-toda-la-corte\/2005\/tutelas-2005\/' title='Tutelas 2005' class='pt-cv-tax-tutelas-2005'>Tutelas 2005<\/a><\/div>\n<h4 class=\"pt-cv-title\"><a href=\"https:\/\/www.dmsjuridica.com\/buscador_20179478954\/corteconstitucionalcronologico202454587\/t-510-05\/\" class=\"_self\" target=\"_self\" >T-510-05<\/a><\/h4>\n<div class=\"pt-cv-content\">\u00a0 \u00a0 Sentencia T-510\/05 \u00a0 DERECHO A LA SALUD-Suministro de medicamento por padecer \u201cS\u00edndrome del escribano\u201d \u00a0 DERECHO A LA SALUD- Fundamental por conexidad con la vida \u00a0 INAPLICACION DE NORMAS DEL PLAN OBLIGATORIO DE SALUD-Casos en que procede por exclusi\u00f3n de tratamientos y medicamentos \u00a0 Referencia: expediente T-1001122 \u00a0 Acci\u00f3n de tutela instaurada por Rosa P\u00e9rez Ocampo contra el Instituto de Seguros Sociales -Seccional Magdalena-. \u00a0 Magistrado Ponente: \u00a0 Dr. ALVARO TAFUR GALVIS \u00a0 Bogot\u00e1 D. C., diecinueve (19) de mayo de dos mil cinco (2005). \u00a0 La Sala Octava de Revisi\u00f3n de la Corte Constitucional, integrada por los ...<br \/><div class=\"pt-cv-rmwrap\"><a href=\"https:\/\/www.dmsjuridica.com\/buscador_20179478954\/corteconstitucionalcronologico202454587\/t-510-05\/\" class=\"_self pt-cv-readmore btn btn-success\" target=\"_self\">Ver Sentencia Completa...<\/a><\/div><\/div><\/div><\/div>\n<div class=\"col-md-12 col-sm-12 col-xs-12 pt-cv-content-item pt-cv-1-col\" ><div class='pt-cv-ifield'><a href=\"https:\/\/www.dmsjuridica.com\/buscador_20179478954\/corteconstitucionalcronologico202454587\/t-509-05\/\" class=\"_self pt-cv-href-thumbnail pt-cv-thumb-default\" target=\"_self\" ><\/a>\n<div class=\"pt-cv-taxoterm above_title\"><a href='https:\/\/www.dmsjuridica.com\/buscador_20179478954\/corteconstitucionalcronologico202454587\/category\/buscar-en-toda-la-corte\/2005\/tutelas-2005\/' title='Tutelas 2005' class='pt-cv-tax-tutelas-2005'>Tutelas 2005<\/a><\/div>\n<h4 class=\"pt-cv-title\"><a href=\"https:\/\/www.dmsjuridica.com\/buscador_20179478954\/corteconstitucionalcronologico202454587\/t-509-05\/\" class=\"_self\" target=\"_self\" >T-509-05<\/a><\/h4>\n<div class=\"pt-cv-content\">\u00a0 \u00a0 Sentencia T-509\/05 \u00a0 SINDICATO-Titularidad para interponer tutela\/LEGITIMACION POR ACTIVA DEL SINDICATO \u00a0 LEGITIMACION POR PASIVA DE SUPERINTENDENCIA DE SERVICIOS PUBLICOS-No era procedente \u00a0 LEGITIMACION POR PASIVA DE MINISTERIO DE PROTECCION SOCIAL \u00a0 ACTO ADMINISTRATIVO QUE DECLARA ILEGALIDAD DEL CESE DE ACTIVIDADES-Improcedencia de tutela para discutir validez o limitar aplicaci\u00f3n \u00a0 Trat\u00e1ndose de un acto administrativo amparado por la presunci\u00f3n de legalidad y respecto del cual se prev\u00e9n en el ordenamiento mecanismos judiciales para controvertirlo, la procedencia de la tutela, dado su car\u00e1cter residual y subsidiario, se encuentra condicionada no s\u00f3lo a la demostraci\u00f3n de la vulneraci\u00f3n de los ...<br \/><div class=\"pt-cv-rmwrap\"><a href=\"https:\/\/www.dmsjuridica.com\/buscador_20179478954\/corteconstitucionalcronologico202454587\/t-509-05\/\" class=\"_self pt-cv-readmore btn btn-success\" target=\"_self\">Ver Sentencia Completa...<\/a><\/div><\/div><\/div><\/div>\n<div class=\"col-md-12 col-sm-12 col-xs-12 pt-cv-content-item pt-cv-1-col\" ><div class='pt-cv-ifield'><a href=\"https:\/\/www.dmsjuridica.com\/buscador_20179478954\/corteconstitucionalcronologico202454587\/t-508-05\/\" class=\"_self pt-cv-href-thumbnail pt-cv-thumb-default\" target=\"_self\" ><\/a>\n<div class=\"pt-cv-taxoterm above_title\"><a href='https:\/\/www.dmsjuridica.com\/buscador_20179478954\/corteconstitucionalcronologico202454587\/category\/buscar-en-toda-la-corte\/2005\/tutelas-2005\/' title='Tutelas 2005' class='pt-cv-tax-tutelas-2005'>Tutelas 2005<\/a><\/div>\n<h4 class=\"pt-cv-title\"><a href=\"https:\/\/www.dmsjuridica.com\/buscador_20179478954\/corteconstitucionalcronologico202454587\/t-508-05\/\" class=\"_self\" target=\"_self\" >T-508-05<\/a><\/h4>\n<div class=\"pt-cv-content\">\u00a0 \u00a0 Sentencia T-508\/05 \u00a0 PRINCIPIO DE CONTINUIDAD EN EL SERVICIO DE SALUD \u00a0 PRINCIPIO DE OFICIOSIDAD PROCESAL-Cumplimiento por el Juez de Tutela \u00a0 El decreto oficioso de pruebas hace parte de los alcances de la responsabilidad del juez constitucional, cuando se trata de proteger derechos fundamentales que efectivamente se encuentran amenazados, dado que la funci\u00f3n de \u00e9ste ante la amenaza o la violaci\u00f3n de derechos fundamentales, es ordenar a las autoridades p\u00fablicas correspondientes o a los particulares responsables, la adopci\u00f3n de todas las medidas que sean necesarias para garantizar su protecci\u00f3n. A ese respecto, ha dicho esta Corporaci\u00f3n, que ...<br \/><div class=\"pt-cv-rmwrap\"><a href=\"https:\/\/www.dmsjuridica.com\/buscador_20179478954\/corteconstitucionalcronologico202454587\/t-508-05\/\" class=\"_self pt-cv-readmore btn btn-success\" target=\"_self\">Ver Sentencia Completa...<\/a><\/div><\/div><\/div><\/div>\n<div class=\"col-md-12 col-sm-12 col-xs-12 pt-cv-content-item pt-cv-1-col\" ><div class='pt-cv-ifield'><a href=\"https:\/\/www.dmsjuridica.com\/buscador_20179478954\/corteconstitucionalcronologico202454587\/t-507-05\/\" class=\"_self pt-cv-href-thumbnail pt-cv-thumb-default\" target=\"_self\" ><\/a>\n<div class=\"pt-cv-taxoterm above_title\"><a href='https:\/\/www.dmsjuridica.com\/buscador_20179478954\/corteconstitucionalcronologico202454587\/category\/buscar-en-toda-la-corte\/2005\/tutelas-2005\/' title='Tutelas 2005' class='pt-cv-tax-tutelas-2005'>Tutelas 2005<\/a><\/div>\n<h4 class=\"pt-cv-title\"><a href=\"https:\/\/www.dmsjuridica.com\/buscador_20179478954\/corteconstitucionalcronologico202454587\/t-507-05\/\" class=\"_self\" target=\"_self\" >T-507-05<\/a><\/h4>\n<div class=\"pt-cv-content\">\u00a0 \u00a0 Sentencia T-507\/05 \u00a0 DERECHO A LA SALUD DEL INTERNO-Caso en que no se presenta vulneraci\u00f3n \u00a0 Haciendo referencia al derecho a la salud de los internos y la obligaci\u00f3n del estado de velar por el cumplimiento de este derecho, la jurisprudencia ha dicho que para cumplir con la obligaci\u00f3n adecuadamente, las directivas de los centros carcelarios deben adoptar todas las medidas y establecer las disposiciones internas indispensables con miras a garantizar a los reclusos que sus dolencias ser\u00e1n atendidas de manera oportuna y adecuada, desde el momento de su ingreso hasta el instante mismo de su salida, seg\u00fan ...<br \/><div class=\"pt-cv-rmwrap\"><a href=\"https:\/\/www.dmsjuridica.com\/buscador_20179478954\/corteconstitucionalcronologico202454587\/t-507-05\/\" class=\"_self pt-cv-readmore btn btn-success\" target=\"_self\">Ver Sentencia Completa...<\/a><\/div><\/div><\/div><\/div>\n<div class=\"col-md-12 col-sm-12 col-xs-12 pt-cv-content-item pt-cv-1-col\" ><div class='pt-cv-ifield'><a href=\"https:\/\/www.dmsjuridica.com\/buscador_20179478954\/corteconstitucionalcronologico202454587\/t-506-05\/\" class=\"_self pt-cv-href-thumbnail pt-cv-thumb-default\" target=\"_self\" ><\/a>\n<div class=\"pt-cv-taxoterm above_title\"><a href='https:\/\/www.dmsjuridica.com\/buscador_20179478954\/corteconstitucionalcronologico202454587\/category\/buscar-en-toda-la-corte\/2005\/tutelas-2005\/' title='Tutelas 2005' class='pt-cv-tax-tutelas-2005'>Tutelas 2005<\/a><\/div>\n<h4 class=\"pt-cv-title\"><a href=\"https:\/\/www.dmsjuridica.com\/buscador_20179478954\/corteconstitucionalcronologico202454587\/t-506-05\/\" class=\"_self\" target=\"_self\" >T-506-05<\/a><\/h4>\n<div class=\"pt-cv-content\">\u00a0 \u00a0 Sentencia T-506\/05 \u00a0 ACCION DE TUTELA CONTRA PARTICULARES-Procedencia excepcional para pago de salarios \u00a0 El primer requisito anunciado para la improcedencia de la acci\u00f3n de tutela contra particulares, se cumple en tanto se demostr\u00f3 que los tutelantes pod\u00edan haber acudido a otra v\u00eda judicial para reclamar sus derechos econ\u00f3micos. Los tutelantes ten\u00edan conocimiento desde el mismo momento de la verificaci\u00f3n de la situaci\u00f3n de la empresa, situaci\u00f3n que fue informada en debida forma por la Sociedad. Una vez conocida la situaci\u00f3n en el a\u00f1o 2001, los tutelantes ten\u00edan la opci\u00f3n de acudir al reclamo de sus salarios o ...<br \/><div class=\"pt-cv-rmwrap\"><a href=\"https:\/\/www.dmsjuridica.com\/buscador_20179478954\/corteconstitucionalcronologico202454587\/t-506-05\/\" class=\"_self pt-cv-readmore btn btn-success\" target=\"_self\">Ver Sentencia Completa...<\/a><\/div><\/div><\/div><\/div>\n<div class=\"col-md-12 col-sm-12 col-xs-12 pt-cv-content-item pt-cv-1-col\" ><div class='pt-cv-ifield'><a href=\"https:\/\/www.dmsjuridica.com\/buscador_20179478954\/corteconstitucionalcronologico202454587\/t-499-05\/\" class=\"_self pt-cv-href-thumbnail pt-cv-thumb-default\" target=\"_self\" ><\/a>\n<div class=\"pt-cv-taxoterm above_title\"><a href='https:\/\/www.dmsjuridica.com\/buscador_20179478954\/corteconstitucionalcronologico202454587\/category\/buscar-en-toda-la-corte\/2005\/tutelas-2005\/' title='Tutelas 2005' class='pt-cv-tax-tutelas-2005'>Tutelas 2005<\/a><\/div>\n<h4 class=\"pt-cv-title\"><a href=\"https:\/\/www.dmsjuridica.com\/buscador_20179478954\/corteconstitucionalcronologico202454587\/t-499-05\/\" class=\"_self\" target=\"_self\" >T-499-05<\/a><\/h4>\n<div class=\"pt-cv-content\">\u00a0 \u00a0 Sentencia T-499\/05 \u00a0 DERECHO A LA SALUD-Suministro de medicamento para hipertensi\u00f3n arterial \u00a0 INAPLICACION DE NORMAS DEL PLAN OBLIGATORIO DE SALUD-Casos en que procede por exclusi\u00f3n de tratamientos y medicamentos \u00a0 INCAPACIDAD ECONOMICA-Prueba \u00a0 -Reiteraci\u00f3n de jurisprudencia- \u00a0 Referencia: expediente T-1078370. \u00a0 Peticionario: Mariana de Jes\u00fas Contreras Mestra. \u00a0 Demandado: Saludcoop EPS, -Seccional Cartagena-. \u00a0 Magistrado Ponente:\u00a0 \u00a0 Dr. RODRIGO ESCOBAR GIL \u00a0 Bogot\u00e1, D.C., trece (13) de mayo de dos mil cinco (2005). \u00a0 La Sala Quinta de Revisi\u00f3n de la Corte Constitucional, integrada por los Magistrados Rodrigo Escobar Gil, Marco Gerardo Monroy Cabra y Humberto Antonio ...<br \/><div class=\"pt-cv-rmwrap\"><a href=\"https:\/\/www.dmsjuridica.com\/buscador_20179478954\/corteconstitucionalcronologico202454587\/t-499-05\/\" class=\"_self pt-cv-readmore btn btn-success\" target=\"_self\">Ver Sentencia Completa...<\/a><\/div><\/div><\/div><\/div>\n<div class=\"col-md-12 col-sm-12 col-xs-12 pt-cv-content-item pt-cv-1-col\" ><div class='pt-cv-ifield'><a href=\"https:\/\/www.dmsjuridica.com\/buscador_20179478954\/corteconstitucionalcronologico202454587\/t-498-05\/\" class=\"_self pt-cv-href-thumbnail pt-cv-thumb-default\" target=\"_self\" ><\/a>\n<div class=\"pt-cv-taxoterm above_title\"><a href='https:\/\/www.dmsjuridica.com\/buscador_20179478954\/corteconstitucionalcronologico202454587\/category\/buscar-en-toda-la-corte\/2005\/tutelas-2005\/' title='Tutelas 2005' class='pt-cv-tax-tutelas-2005'>Tutelas 2005<\/a><\/div>\n<h4 class=\"pt-cv-title\"><a href=\"https:\/\/www.dmsjuridica.com\/buscador_20179478954\/corteconstitucionalcronologico202454587\/t-498-05\/\" class=\"_self\" target=\"_self\" >T-498-05<\/a><\/h4>\n<div class=\"pt-cv-content\">\u00a0 \u00a0 Sentencia T-498\/05 \u00a0 \u00a0ACTO DE INCLUSION EN NOMINA EN CUMPLIMIENTO DE SENTENCIA-Procedencia de tutela \u00a0 La Corte precis\u00f3 que a\u00fan en el evento en que sea pertinente el proceso ejecutivo para reclamar la satisfacci\u00f3n de una obligaci\u00f3n de hacer cuando lo ha ordenado una sentencia judicial ejecutoriada, el amparo tutelar ser\u00e1 procedente si se concluye que el incumplimiento conlleva a la vulneraci\u00f3n de derechos fundamentales y que la v\u00eda ejecutiva no tiene la virtualidad de tener la misma efectividad de aqu\u00e9l, como sucede en el caso, del reintegro de un trabajador. Bajo este criterio, la Corte ha considerado ...<br \/><div class=\"pt-cv-rmwrap\"><a href=\"https:\/\/www.dmsjuridica.com\/buscador_20179478954\/corteconstitucionalcronologico202454587\/t-498-05\/\" class=\"_self pt-cv-readmore btn btn-success\" target=\"_self\">Ver Sentencia Completa...<\/a><\/div><\/div><\/div><\/div>\n<div class=\"col-md-12 col-sm-12 col-xs-12 pt-cv-content-item pt-cv-1-col\" ><div class='pt-cv-ifield'><a href=\"https:\/\/www.dmsjuridica.com\/buscador_20179478954\/corteconstitucionalcronologico202454587\/t-497-05\/\" class=\"_self pt-cv-href-thumbnail pt-cv-thumb-default\" target=\"_self\" ><\/a>\n<div class=\"pt-cv-taxoterm above_title\"><a href='https:\/\/www.dmsjuridica.com\/buscador_20179478954\/corteconstitucionalcronologico202454587\/category\/buscar-en-toda-la-corte\/2005\/tutelas-2005\/' title='Tutelas 2005' class='pt-cv-tax-tutelas-2005'>Tutelas 2005<\/a><\/div>\n<h4 class=\"pt-cv-title\"><a href=\"https:\/\/www.dmsjuridica.com\/buscador_20179478954\/corteconstitucionalcronologico202454587\/t-497-05\/\" class=\"_self\" target=\"_self\" >T-497-05<\/a><\/h4>\n<div class=\"pt-cv-content\">ACCION DE TUTELA Y MEDIO DE DEFENSA JUDICIAL-Caso de menor de edad reubicada en un hogar sustituto normal \u00a0 La jurisprudencia de la Corte Constitucional ha sostenido que \u00a0los tr\u00e1mites administrativos realizados por los funcionarios del I.C.B.F, si bien se desarrollan por medio de la intervenci\u00f3n de \u00f3rganos legalmente se\u00f1alados, deben ajustarse a la Constituci\u00f3n; por tanto, si en cumplimiento de sus funciones se viola la Constituci\u00f3n o la ley, o se vulnera un derecho fundamental, esta actuaci\u00f3n es susceptible de ser controvertida judicialmente. En principio, ante la justicia administrativa o de familia; pero tambi\u00e9n ante la jurisdicci\u00f3n constitucional cuando ...<br \/><div class=\"pt-cv-rmwrap\"><a href=\"https:\/\/www.dmsjuridica.com\/buscador_20179478954\/corteconstitucionalcronologico202454587\/t-497-05\/\" class=\"_self pt-cv-readmore btn btn-success\" target=\"_self\">Ver Sentencia Completa...<\/a><\/div><\/div><\/div><\/div>\n<div class=\"col-md-12 col-sm-12 col-xs-12 pt-cv-content-item pt-cv-1-col\" ><div class='pt-cv-ifield'><a href=\"https:\/\/www.dmsjuridica.com\/buscador_20179478954\/corteconstitucionalcronologico202454587\/t-496-05\/\" class=\"_self pt-cv-href-thumbnail pt-cv-thumb-default\" target=\"_self\" ><\/a>\n<div class=\"pt-cv-taxoterm above_title\"><a href='https:\/\/www.dmsjuridica.com\/buscador_20179478954\/corteconstitucionalcronologico202454587\/category\/buscar-en-toda-la-corte\/2005\/tutelas-2005\/' title='Tutelas 2005' class='pt-cv-tax-tutelas-2005'>Tutelas 2005<\/a><\/div>\n<h4 class=\"pt-cv-title\"><a href=\"https:\/\/www.dmsjuridica.com\/buscador_20179478954\/corteconstitucionalcronologico202454587\/t-496-05\/\" class=\"_self\" target=\"_self\" >T-496-05<\/a><\/h4>\n<div class=\"pt-cv-content\">\u00a0 \u00a0 Sentencia T-496\/05 \u00a0 DERECHO A LA SALUD DEL MENOR-Fundamental\/DERECHO A LA SEGURIDAD SOCIAL DEL MENOR-Fundamental \u00a0 Nuestra Constituci\u00f3n ha establecido que cuando se trate de menores, los derechos a la salud y a la seguridad social adquieren el car\u00e1cter de fundamentales en aplicaci\u00f3n directa del mandato constitucional, lo cual responde al deseo del constituyente de establecer un r\u00e9gimen de protecci\u00f3n especial en favor de los ni\u00f1os. \u00a0 SISTEMA DE SEGURIDAD SOCIAL EN SALUD-Formas de acceso\/ENTIDADES TERRITORIALES Y SISTEMA DE SEGURIDAD SOCIAL EN SALUD-Responsabilidad en atenci\u00f3n en salud de las personas vinculadas \u00a0 La Ley 715 de 2001 dispone ...<br \/><div class=\"pt-cv-rmwrap\"><a href=\"https:\/\/www.dmsjuridica.com\/buscador_20179478954\/corteconstitucionalcronologico202454587\/t-496-05\/\" class=\"_self pt-cv-readmore btn btn-success\" target=\"_self\">Ver Sentencia Completa...<\/a><\/div><\/div><\/div><\/div>\n<div class=\"col-md-12 col-sm-12 col-xs-12 pt-cv-content-item pt-cv-1-col\" ><div class='pt-cv-ifield'><a href=\"https:\/\/www.dmsjuridica.com\/buscador_20179478954\/corteconstitucionalcronologico202454587\/t-495-05\/\" class=\"_self pt-cv-href-thumbnail pt-cv-thumb-default\" target=\"_self\" ><\/a>\n<div class=\"pt-cv-taxoterm above_title\"><a href='https:\/\/www.dmsjuridica.com\/buscador_20179478954\/corteconstitucionalcronologico202454587\/category\/buscar-en-toda-la-corte\/2005\/tutelas-2005\/' title='Tutelas 2005' class='pt-cv-tax-tutelas-2005'>Tutelas 2005<\/a><\/div>\n<h4 class=\"pt-cv-title\"><a href=\"https:\/\/www.dmsjuridica.com\/buscador_20179478954\/corteconstitucionalcronologico202454587\/t-495-05\/\" class=\"_self\" target=\"_self\" >T-495-05<\/a><\/h4>\n<div class=\"pt-cv-content\">\u00a0 \u00a0 Sentencia T-495\/05 \u00a0 LEY 546\/99-Doctrina de la Corte Constitucional sobre el art\u00edculo 42 par\u00e1grafo 3 \u00a0 PROCESO EJECUTIVO HIPOTECARIO-Reliquidaci\u00f3n de la deuda como condici\u00f3n para dar por terminado el proceso \u00a0 PROCESO EJECUTIVO HIPOTECARIO-Terminaci\u00f3n del proceso por reliquidaci\u00f3n del cr\u00e9dito de UPAC \u00a0 VIA DE HECHO EN PROCESO EJECUTIVO-Defecto por error en la interpretaci\u00f3n de la Ley 546\/99 \u00a0 PRECEDENTE JUDICIAL-Desconocimiento por error en la interpretaci\u00f3n del art\u00edculo 42 de la Ley 546\/99 \u00a0 PROCESO EJECUTIVO HIPOTECARIO-Terminaci\u00f3n y archivo de procesos en curso a 31 de diciembre de 1999 \u00a0 ACCION DE TUTELA EN PROCESO EJECUTIVO HIPOTECARIO-Inmediatez no ...<br \/><div class=\"pt-cv-rmwrap\"><a href=\"https:\/\/www.dmsjuridica.com\/buscador_20179478954\/corteconstitucionalcronologico202454587\/t-495-05\/\" class=\"_self pt-cv-readmore btn btn-success\" target=\"_self\">Ver Sentencia Completa...<\/a><\/div><\/div><\/div><\/div>\n<div class=\"col-md-12 col-sm-12 col-xs-12 pt-cv-content-item pt-cv-1-col\" ><div class='pt-cv-ifield'><a href=\"https:\/\/www.dmsjuridica.com\/buscador_20179478954\/corteconstitucionalcronologico202454587\/t-494-05\/\" class=\"_self pt-cv-href-thumbnail pt-cv-thumb-default\" target=\"_self\" ><\/a>\n<div class=\"pt-cv-taxoterm above_title\"><a href='https:\/\/www.dmsjuridica.com\/buscador_20179478954\/corteconstitucionalcronologico202454587\/category\/buscar-en-toda-la-corte\/2005\/tutelas-2005\/' title='Tutelas 2005' class='pt-cv-tax-tutelas-2005'>Tutelas 2005<\/a><\/div>\n<h4 class=\"pt-cv-title\"><a href=\"https:\/\/www.dmsjuridica.com\/buscador_20179478954\/corteconstitucionalcronologico202454587\/t-494-05\/\" class=\"_self\" target=\"_self\" >T-494-05<\/a><\/h4>\n<div class=\"pt-cv-content\">\u00a0 \u00a0 Sentencia T-494\/05 \u00a0 ACCION DE TUTELA-Inexistencia de hecho superado\u00a0 \u00a0 Observa la Sala que mediante la presente acci\u00f3n de tutela, el accionante pretend\u00eda que se ordenar\u00e1 al Juzgado Segundo Civil Municipal de Florencia -Caquet\u00e1-, abstenerse de ejecutar la orden de restituci\u00f3n proferida a trav\u00e9s de la sentencia del 12 de junio de 2002. Sin embargo, esta Corporaci\u00f3n pudo comprobar que el d\u00eda 6 de noviembre del mismo a\u00f1o, se llev\u00f3 a cabo la diligencia de restituci\u00f3n del bien inmueble arrendado, como se constata con la transcripci\u00f3n de dicha diligencia por parte del Inspector Segundo de Polic\u00eda de la ...<br \/><div class=\"pt-cv-rmwrap\"><a href=\"https:\/\/www.dmsjuridica.com\/buscador_20179478954\/corteconstitucionalcronologico202454587\/t-494-05\/\" class=\"_self pt-cv-readmore btn btn-success\" target=\"_self\">Ver Sentencia Completa...<\/a><\/div><\/div><\/div><\/div>\n<div class=\"col-md-12 col-sm-12 col-xs-12 pt-cv-content-item pt-cv-1-col\" ><div class='pt-cv-ifield'><a href=\"https:\/\/www.dmsjuridica.com\/buscador_20179478954\/corteconstitucionalcronologico202454587\/t-493-05\/\" class=\"_self pt-cv-href-thumbnail pt-cv-thumb-default\" target=\"_self\" ><\/a>\n<div class=\"pt-cv-taxoterm above_title\"><a href='https:\/\/www.dmsjuridica.com\/buscador_20179478954\/corteconstitucionalcronologico202454587\/category\/buscar-en-toda-la-corte\/2005\/tutelas-2005\/' title='Tutelas 2005' class='pt-cv-tax-tutelas-2005'>Tutelas 2005<\/a><\/div>\n<h4 class=\"pt-cv-title\"><a href=\"https:\/\/www.dmsjuridica.com\/buscador_20179478954\/corteconstitucionalcronologico202454587\/t-493-05\/\" class=\"_self\" target=\"_self\" >T-493-05<\/a><\/h4>\n<div class=\"pt-cv-content\">ESTABILIDAD LABORAL DE MADRE CABEZA DE FAMILIA-Protecci\u00f3n especial a trabajadores en condiciones de debilidad manifiesta \u00a0 ACCION DE TUTELA PARA SOLICITAR LA APLICACION DEL RETEN SOCIAL-Subreglas jurisprudenciales para su procedencia \u00a0 Las ex trabajadoras (i) reunieren los requisitos para permanecer en la entidad, (ii) hayan acreditado su condici\u00f3n de madres cabeza de familia y Telecom hubiere reconocido dicha calidad mediante las certificaciones correspondientes, (iii) a la fecha de esta sentencia hubieran presentado acci\u00f3n de tutela por considerar vulnerados sus derechos fundamentales y, (iv) sus procesos no se hayan seleccionado para revisi\u00f3n en la Corte Constitucional o en todo caso hubieren ...<br \/><div class=\"pt-cv-rmwrap\"><a href=\"https:\/\/www.dmsjuridica.com\/buscador_20179478954\/corteconstitucionalcronologico202454587\/t-493-05\/\" class=\"_self pt-cv-readmore btn btn-success\" target=\"_self\">Ver Sentencia Completa...<\/a><\/div><\/div><\/div><\/div>\n<div class=\"col-md-12 col-sm-12 col-xs-12 pt-cv-content-item pt-cv-1-col\" ><div class='pt-cv-ifield'><a href=\"https:\/\/www.dmsjuridica.com\/buscador_20179478954\/corteconstitucionalcronologico202454587\/t-492-05\/\" class=\"_self pt-cv-href-thumbnail pt-cv-thumb-default\" target=\"_self\" ><\/a>\n<div class=\"pt-cv-taxoterm above_title\"><a href='https:\/\/www.dmsjuridica.com\/buscador_20179478954\/corteconstitucionalcronologico202454587\/category\/buscar-en-toda-la-corte\/2005\/tutelas-2005\/' title='Tutelas 2005' class='pt-cv-tax-tutelas-2005'>Tutelas 2005<\/a><\/div>\n<h4 class=\"pt-cv-title\"><a href=\"https:\/\/www.dmsjuridica.com\/buscador_20179478954\/corteconstitucionalcronologico202454587\/t-492-05\/\" class=\"_self\" target=\"_self\" >T-492-05<\/a><\/h4>\n<div class=\"pt-cv-content\">\u00a0 \u00a0 Sentencia T-492\/05 \u00a0 ACCION DE TUTELA CONTRA PROVIDENCIAS JUDICIALES-Causales gen\u00e9ricas de procedibilidad\u00a0 \u00a0 En los \u00faltimos a\u00f1os se ha venido presentando una evoluci\u00f3n de la jurisprudencia constitucional acerca de las situaciones que hacen viable \u00a0la acci\u00f3n de tutela contra providencias judiciales. Este desarrollo ha conducido a la conclusi\u00f3n de que las sentencias judiciales pueden ser atacadas mediante la acci\u00f3n de tutela por causa de otros defectos adicionales, y de que, dado que esos nuevos defectos no implican que la sentencia sea necesariamente una \u201cviolaci\u00f3n flagrante y grosera de la Constituci\u00f3n\u201d, es \u00a0m\u00e1s adecuado utilizar el concepto de \u201ccausales ...<br \/><div class=\"pt-cv-rmwrap\"><a href=\"https:\/\/www.dmsjuridica.com\/buscador_20179478954\/corteconstitucionalcronologico202454587\/t-492-05\/\" class=\"_self pt-cv-readmore btn btn-success\" target=\"_self\">Ver Sentencia Completa...<\/a><\/div><\/div><\/div><\/div>\n<div class=\"col-md-12 col-sm-12 col-xs-12 pt-cv-content-item pt-cv-1-col\" ><div class='pt-cv-ifield'><a href=\"https:\/\/www.dmsjuridica.com\/buscador_20179478954\/corteconstitucionalcronologico202454587\/t-491-05\/\" class=\"_self pt-cv-href-thumbnail pt-cv-thumb-default\" target=\"_self\" ><\/a>\n<div class=\"pt-cv-taxoterm above_title\"><a href='https:\/\/www.dmsjuridica.com\/buscador_20179478954\/corteconstitucionalcronologico202454587\/category\/buscar-en-toda-la-corte\/2005\/tutelas-2005\/' title='Tutelas 2005' class='pt-cv-tax-tutelas-2005'>Tutelas 2005<\/a><\/div>\n<h4 class=\"pt-cv-title\"><a href=\"https:\/\/www.dmsjuridica.com\/buscador_20179478954\/corteconstitucionalcronologico202454587\/t-491-05\/\" class=\"_self\" target=\"_self\" >T-491-05<\/a><\/h4>\n<div class=\"pt-cv-content\">\u00a0 \u00a0 Sentencia T-491\/05 \u00a0 LIBERTAD DE ASOCIACION SINDICAL-Vulneraci\u00f3n por despido\/DERECHO A LA NEGOCIACION COLECTIVA-Vulneraci\u00f3n por despido \u00a0 TERMINACION UNILATERAL DE CONTRATO DE TRABAJO-Facultad del empleador no es absoluta \u00a0 TERMINACION UNILATERAL DE CONTRATO DE TRABAJO-No puede desconocer libertades sindicales \u00a0 TERMINACION UNILATERAL DE CONTRATO DE TRABAJO-Interpretaci\u00f3n del art\u00edculo 64 del C\u00f3digo Sustantivo del Trabajo \u00a0 TERMINACION UNILATERAL DE CONTRATO DE TRABAJO-Condiciones cuando existe una asociaci\u00f3n sindical \u00a0 REINTEGRO AL CARGO DE TRABAJADORES SINDICALIZADOS \u00a0 PLIEGO DE PETICIONES-Orden al empleador para iniciar negociaciones sobre \u00e9ste \u00a0 Referencia: expediente T-993858 \u00a0 Acci\u00f3n de tutela instaurada por Cle\u00f3n Mart\u00ednez Hudgson y otros ...<br \/><div class=\"pt-cv-rmwrap\"><a href=\"https:\/\/www.dmsjuridica.com\/buscador_20179478954\/corteconstitucionalcronologico202454587\/t-491-05\/\" class=\"_self pt-cv-readmore btn btn-success\" target=\"_self\">Ver Sentencia Completa...<\/a><\/div><\/div><\/div><\/div>\n<div class=\"col-md-12 col-sm-12 col-xs-12 pt-cv-content-item pt-cv-1-col\" ><div class='pt-cv-ifield'><a href=\"https:\/\/www.dmsjuridica.com\/buscador_20179478954\/corteconstitucionalcronologico202454587\/t-490-05\/\" class=\"_self pt-cv-href-thumbnail pt-cv-thumb-default\" target=\"_self\" ><\/a>\n<div class=\"pt-cv-taxoterm above_title\"><a href='https:\/\/www.dmsjuridica.com\/buscador_20179478954\/corteconstitucionalcronologico202454587\/category\/buscar-en-toda-la-corte\/2005\/tutelas-2005\/' title='Tutelas 2005' class='pt-cv-tax-tutelas-2005'>Tutelas 2005<\/a><\/div>\n<h4 class=\"pt-cv-title\"><a href=\"https:\/\/www.dmsjuridica.com\/buscador_20179478954\/corteconstitucionalcronologico202454587\/t-490-05\/\" class=\"_self\" target=\"_self\" >T-490-05<\/a><\/h4>\n<div class=\"pt-cv-content\">\u00a0 \u00a0 Sentencia T-490\/05 \u00a0 CESACION DE LA ACTUACION IMPUGNADA-Improcedencia cuando amenaza o violaci\u00f3n de derechos fundamentales a\u00fan sigue produciendo efectos\/CESACION DE LA ACTUACION IMPUGNADA-Interpretaci\u00f3n del art\u00edculo 26 del Decreto 2591\/91 \u00a0 En el presente caso, el accionante acudi\u00f3 a la jurisdicci\u00f3n constitucional por considerar lesionados varios de sus derechos fundamentales. En primer lugar invoc\u00f3 el de petici\u00f3n el cual a su juicio se hab\u00eda desconocido, en la medida en que el Seguro Social no hab\u00eda dado respuesta a su solicitud del 5 de noviembre de 2003. A pesar de estar acreditada en el expediente no s\u00f3lo la presentaci\u00f3n de ...<br \/><div class=\"pt-cv-rmwrap\"><a href=\"https:\/\/www.dmsjuridica.com\/buscador_20179478954\/corteconstitucionalcronologico202454587\/t-490-05\/\" class=\"_self pt-cv-readmore btn btn-success\" target=\"_self\">Ver Sentencia Completa...<\/a><\/div><\/div><\/div><\/div>\n<div class=\"col-md-12 col-sm-12 col-xs-12 pt-cv-content-item pt-cv-1-col\" ><div class='pt-cv-ifield'><a href=\"https:\/\/www.dmsjuridica.com\/buscador_20179478954\/corteconstitucionalcronologico202454587\/t-489-05\/\" class=\"_self pt-cv-href-thumbnail pt-cv-thumb-default\" target=\"_self\" ><\/a>\n<div class=\"pt-cv-taxoterm above_title\"><a href='https:\/\/www.dmsjuridica.com\/buscador_20179478954\/corteconstitucionalcronologico202454587\/category\/buscar-en-toda-la-corte\/2005\/tutelas-2005\/' title='Tutelas 2005' class='pt-cv-tax-tutelas-2005'>Tutelas 2005<\/a><\/div>\n<h4 class=\"pt-cv-title\"><a href=\"https:\/\/www.dmsjuridica.com\/buscador_20179478954\/corteconstitucionalcronologico202454587\/t-489-05\/\" class=\"_self\" target=\"_self\" >T-489-05<\/a><\/h4>\n<div class=\"pt-cv-content\">\u00a0 \u00a0 Sentencia T-489\/05 \u00a0 ACCION DE TUTELA CONTRA PROVIDENCIAS JUDICIALES-Reiteraci\u00f3n de jurisprudencia \u00a0 VIA DE HECHO EN PROCESO DE INVESTIGACION DE PATERNIDAD-No se practicaron por juez de familia pruebas sobre la identidad del demandado \u00a0 El Juez de Familia, ante la inconsistencia acerca de la identidad de la persona demandada en el proceso de investigaci\u00f3n de paternidad, no adelant\u00f3 de manera directa la pr\u00e1ctica de prueba alguna tendiente a eliminar dicha duda, sino que se limit\u00f3 a recibir algunos documentos por parte del I.S.S. y de la Defensora 15 de Familia del I.C.B.F. As\u00ed, la falta claridad absoluta acerca ...<br \/><div class=\"pt-cv-rmwrap\"><a href=\"https:\/\/www.dmsjuridica.com\/buscador_20179478954\/corteconstitucionalcronologico202454587\/t-489-05\/\" class=\"_self pt-cv-readmore btn btn-success\" target=\"_self\">Ver Sentencia Completa...<\/a><\/div><\/div><\/div><\/div>\n<div class=\"col-md-12 col-sm-12 col-xs-12 pt-cv-content-item pt-cv-1-col\" ><div class='pt-cv-ifield'><a href=\"https:\/\/www.dmsjuridica.com\/buscador_20179478954\/corteconstitucionalcronologico202454587\/t-488-05\/\" class=\"_self pt-cv-href-thumbnail pt-cv-thumb-default\" target=\"_self\" ><\/a>\n<div class=\"pt-cv-taxoterm above_title\"><a href='https:\/\/www.dmsjuridica.com\/buscador_20179478954\/corteconstitucionalcronologico202454587\/category\/buscar-en-toda-la-corte\/2005\/tutelas-2005\/' title='Tutelas 2005' class='pt-cv-tax-tutelas-2005'>Tutelas 2005<\/a><\/div>\n<h4 class=\"pt-cv-title\"><a href=\"https:\/\/www.dmsjuridica.com\/buscador_20179478954\/corteconstitucionalcronologico202454587\/t-488-05\/\" class=\"_self\" target=\"_self\" >T-488-05<\/a><\/h4>\n<div class=\"pt-cv-content\">\u00a0 \u00a0 Sentencia T-488\/05 \u00a0 LICENCIA DE MATERNIDAD-Procedencia excepcional de tutela para el pago \u00a0 LICENCIA DE MATERNIDAD-Pago por tutela cuando se est\u00e1 ante el m\u00ednimo vital \u00a0 LICENCIA DE MATERNIDAD-T\u00e9rmino para solicitar pago dentro del a\u00f1o siguiente al nacimiento del ni\u00f1o \u00a0 LICENCIA DE MATERNIDAD-Pago por allanamiento a la mora por EPS \u00a0 Referencia: expediente T-1023292 \u00a0 Acci\u00f3n de tutela instaurada por Yamile Pinto Rinc\u00f3n contra SALUD TOTAL EPS \u2013Seccional Tolima- \u00a0 Magistrado Ponente: \u00a0 Dr. ALVARO TAFUR GALVIS \u00a0 Bogot\u00e1, D.C., doce (12) de mayo de dos mil cinco (2005). \u00a0 La Sala Octava de Revisi\u00f3n de la ...<br \/><div class=\"pt-cv-rmwrap\"><a href=\"https:\/\/www.dmsjuridica.com\/buscador_20179478954\/corteconstitucionalcronologico202454587\/t-488-05\/\" class=\"_self pt-cv-readmore btn btn-success\" target=\"_self\">Ver Sentencia Completa...<\/a><\/div><\/div><\/div><\/div>\n<div class=\"col-md-12 col-sm-12 col-xs-12 pt-cv-content-item pt-cv-1-col\" ><div class='pt-cv-ifield'><a href=\"https:\/\/www.dmsjuridica.com\/buscador_20179478954\/corteconstitucionalcronologico202454587\/t-487-05\/\" class=\"_self pt-cv-href-thumbnail pt-cv-thumb-default\" target=\"_self\" ><\/a>\n<div class=\"pt-cv-taxoterm above_title\"><a href='https:\/\/www.dmsjuridica.com\/buscador_20179478954\/corteconstitucionalcronologico202454587\/category\/buscar-en-toda-la-corte\/2005\/tutelas-2005\/' title='Tutelas 2005' class='pt-cv-tax-tutelas-2005'>Tutelas 2005<\/a><\/div>\n<h4 class=\"pt-cv-title\"><a href=\"https:\/\/www.dmsjuridica.com\/buscador_20179478954\/corteconstitucionalcronologico202454587\/t-487-05\/\" class=\"_self\" target=\"_self\" >T-487-05<\/a><\/h4>\n<div class=\"pt-cv-content\">\u00a0 \u00a0 Sentencia T-487\/05 \u00a0 PRESUNCION DE VERACIDAD EN TUTELA-Demandado no rinde informe solicitado por el Juez \u00a0 La acci\u00f3n de tutela fue puesta en conocimiento de la entidad accionada por parte del Juzgado que conoci\u00f3 en \u00fanica instancia del asunto, sin que dicha entidad se hubiere pronunciado de manera alguna. Por tal motivo, para el caso se dar\u00e1 aplicaci\u00f3n a la presunci\u00f3n de veracidad de los hechos expuestos por la parte actora, de conformidad con lo dispuesto en el art\u00edculo 20 del Decreto 2591 de 1991. \u00a0 DERECHO A LA SEGURIDAD SOCIAL EN PENSIONES \u00a0 REGIMENES ESPECIALES EN PENSIONES-Vigencia ...<br \/><div class=\"pt-cv-rmwrap\"><a href=\"https:\/\/www.dmsjuridica.com\/buscador_20179478954\/corteconstitucionalcronologico202454587\/t-487-05\/\" class=\"_self pt-cv-readmore btn btn-success\" target=\"_self\">Ver Sentencia Completa...<\/a><\/div><\/div><\/div><\/div>\n<div class=\"col-md-12 col-sm-12 col-xs-12 pt-cv-content-item pt-cv-1-col\" ><div class='pt-cv-ifield'><a href=\"https:\/\/www.dmsjuridica.com\/buscador_20179478954\/corteconstitucionalcronologico202454587\/t-486-05\/\" class=\"_self pt-cv-href-thumbnail pt-cv-thumb-default\" target=\"_self\" ><\/a>\n<div class=\"pt-cv-taxoterm above_title\"><a href='https:\/\/www.dmsjuridica.com\/buscador_20179478954\/corteconstitucionalcronologico202454587\/category\/buscar-en-toda-la-corte\/2005\/tutelas-2005\/' title='Tutelas 2005' class='pt-cv-tax-tutelas-2005'>Tutelas 2005<\/a><\/div>\n<h4 class=\"pt-cv-title\"><a href=\"https:\/\/www.dmsjuridica.com\/buscador_20179478954\/corteconstitucionalcronologico202454587\/t-486-05\/\" class=\"_self\" target=\"_self\" >T-486-05<\/a><\/h4>\n<div class=\"pt-cv-content\">\u00a0 \u00a0 Sentencia T-486\/05 \u00a0 ACCION DE TUTELA-Caso en que no se pretende un nuevo pronunciamiento sobre un asunto ya decidido \u00a0 Sin dificultad se observa que con la presente acci\u00f3n de tutela interpuesta por la Empresa Colombia Telecomunicaciones S.A. ESP contra la Comisi\u00f3n de Regulaci\u00f3n de Telecomunicaciones \u00a0-CRT-, no se busca obtener un nuevo pronunciamiento sobre lo decidido en su oportunidad en la acci\u00f3n de tutela interpuesta por Empresas P\u00fablicas de Medell\u00edn, con ocasi\u00f3n de la controversia surgida del contrato celebrado por \u00e9sta \u00faltima con Colombia Telecomunicaciones, sino el amparo constitucional a la igualdad.\u00a0 \u00a0 SENTENCIA DE TUTELA DE ...<br \/><div class=\"pt-cv-rmwrap\"><a href=\"https:\/\/www.dmsjuridica.com\/buscador_20179478954\/corteconstitucionalcronologico202454587\/t-486-05\/\" class=\"_self pt-cv-readmore btn btn-success\" target=\"_self\">Ver Sentencia Completa...<\/a><\/div><\/div><\/div><\/div>\n<div class=\"col-md-12 col-sm-12 col-xs-12 pt-cv-content-item pt-cv-1-col\" ><div class='pt-cv-ifield'><a href=\"https:\/\/www.dmsjuridica.com\/buscador_20179478954\/corteconstitucionalcronologico202454587\/t-485-05\/\" class=\"_self pt-cv-href-thumbnail pt-cv-thumb-default\" target=\"_self\" ><\/a>\n<div class=\"pt-cv-taxoterm above_title\"><a href='https:\/\/www.dmsjuridica.com\/buscador_20179478954\/corteconstitucionalcronologico202454587\/category\/buscar-en-toda-la-corte\/2005\/tutelas-2005\/' title='Tutelas 2005' class='pt-cv-tax-tutelas-2005'>Tutelas 2005<\/a><\/div>\n<h4 class=\"pt-cv-title\"><a href=\"https:\/\/www.dmsjuridica.com\/buscador_20179478954\/corteconstitucionalcronologico202454587\/t-485-05\/\" class=\"_self\" target=\"_self\" >T-485-05<\/a><\/h4>\n<div class=\"pt-cv-content\">\u00a0 \u00a0 Sentencia T-485\/05 \u00a0 EX MAGISTRADO-Resultado de la aplicaci\u00f3n anal\u00f3gica de la norma sobre reajuste pensional \u00a0 ACCION DE TUTELA TRANSITORIA-Existencia de perjuicio irremediable \u00a0 ACCION DE TUTELA TRANSITORIA-Casos en que procede reajuste pensional \u00a0 En materia de reajuste pensional es procedente la tutela como mecanismo transitorio, siempre y cuando la ponderaci\u00f3n de todos los factores relevantes para apreciar la existencia de un perjuicio irremediable lleve al juez a la convicci\u00f3n que de no brindarse la protecci\u00f3n urgente e inmediata de los derechos del peticionario, \u00e9stos se ver\u00edan vulnerados o continuar\u00edan siendo gravemente amenazados. En el presente caso, el ...<br \/><div class=\"pt-cv-rmwrap\"><a href=\"https:\/\/www.dmsjuridica.com\/buscador_20179478954\/corteconstitucionalcronologico202454587\/t-485-05\/\" class=\"_self pt-cv-readmore btn btn-success\" target=\"_self\">Ver Sentencia Completa...<\/a><\/div><\/div><\/div><\/div>\n<div class=\"col-md-12 col-sm-12 col-xs-12 pt-cv-content-item pt-cv-1-col\" ><div class='pt-cv-ifield'><a href=\"https:\/\/www.dmsjuridica.com\/buscador_20179478954\/corteconstitucionalcronologico202454587\/t-484-05\/\" class=\"_self pt-cv-href-thumbnail pt-cv-thumb-default\" target=\"_self\" ><\/a>\n<div class=\"pt-cv-taxoterm above_title\"><a href='https:\/\/www.dmsjuridica.com\/buscador_20179478954\/corteconstitucionalcronologico202454587\/category\/buscar-en-toda-la-corte\/2005\/tutelas-2005\/' title='Tutelas 2005' class='pt-cv-tax-tutelas-2005'>Tutelas 2005<\/a><\/div>\n<h4 class=\"pt-cv-title\"><a href=\"https:\/\/www.dmsjuridica.com\/buscador_20179478954\/corteconstitucionalcronologico202454587\/t-484-05\/\" class=\"_self\" target=\"_self\" >T-484-05<\/a><\/h4>\n<div class=\"pt-cv-content\">\u00a0 \u00a0 Sentencia T-484\/05 \u00a0 ACCION DE TUTELA CONTRA PARTICULARES-Casos en que procede \u00a0 El art\u00edculo 86 de la Constituci\u00f3n Pol\u00edtica autoriza la procedencia de la tutela contra particulares. El constituyente previ\u00f3 3 situaciones distintas bajo las cuales procede la tutela contra los particulares: prestaci\u00f3n de un servicio p\u00fablico, grave y directa afectaci\u00f3n del inter\u00e9s colectivo y la existencia de \u201cestado de subordinaci\u00f3n o indefensi\u00f3n\u201d cuando existe la relaci\u00f3n laboral porque \u00e9sta establece un grado de subordinaci\u00f3n. Esta Corporaci\u00f3n reiteradamente ha se\u00f1alado que, adem\u00e1s, procede la tutela contra particulares que ejercen funciones p\u00fablicas, pues en tal caso ostentan la calidad ...<br \/><div class=\"pt-cv-rmwrap\"><a href=\"https:\/\/www.dmsjuridica.com\/buscador_20179478954\/corteconstitucionalcronologico202454587\/t-484-05\/\" class=\"_self pt-cv-readmore btn btn-success\" target=\"_self\">Ver Sentencia Completa...<\/a><\/div><\/div><\/div><\/div>\n<div class=\"col-md-12 col-sm-12 col-xs-12 pt-cv-content-item pt-cv-1-col\" ><div class='pt-cv-ifield'><a href=\"https:\/\/www.dmsjuridica.com\/buscador_20179478954\/corteconstitucionalcronologico202454587\/t-483-05\/\" class=\"_self pt-cv-href-thumbnail pt-cv-thumb-default\" target=\"_self\" ><\/a>\n<div class=\"pt-cv-taxoterm above_title\"><a href='https:\/\/www.dmsjuridica.com\/buscador_20179478954\/corteconstitucionalcronologico202454587\/category\/buscar-en-toda-la-corte\/2005\/tutelas-2005\/' title='Tutelas 2005' class='pt-cv-tax-tutelas-2005'>Tutelas 2005<\/a><\/div>\n<h4 class=\"pt-cv-title\"><a href=\"https:\/\/www.dmsjuridica.com\/buscador_20179478954\/corteconstitucionalcronologico202454587\/t-483-05\/\" class=\"_self\" target=\"_self\" >T-483-05<\/a><\/h4>\n<div class=\"pt-cv-content\">\u00a0 \u00a0 Sentencia T-483\/05\u00a0 \u00a0 ACCION DE TUTELA CONTRA PROVIDENCIAS JUDICIALES-Procedencia excepcional por v\u00eda de hecho \u00a0 En relaci\u00f3n con la procedencia de la acci\u00f3n de tutela en contra de sentencias judiciales, esta Corporaci\u00f3n en reiterada jurisprudencia ha manifestado que por ning\u00fan motivo puede convertirse en una justificaci\u00f3n para que el juez encargado de ordenar la protecci\u00f3n de los derechos fundamentales entre a resolver cuestiones litigiosas debatidas dentro de cada proceso. La labor del juez de tutela se limita a estudiar la conducta adelantada por el funcionario demandado, la providencia atacada, y solamente proceder\u00e1 la acci\u00f3n de tutela si esa ...<br \/><div class=\"pt-cv-rmwrap\"><a href=\"https:\/\/www.dmsjuridica.com\/buscador_20179478954\/corteconstitucionalcronologico202454587\/t-483-05\/\" class=\"_self pt-cv-readmore btn btn-success\" target=\"_self\">Ver Sentencia Completa...<\/a><\/div><\/div><\/div><\/div>\n<div class=\"col-md-12 col-sm-12 col-xs-12 pt-cv-content-item pt-cv-1-col\" ><div class='pt-cv-ifield'><a href=\"https:\/\/www.dmsjuridica.com\/buscador_20179478954\/corteconstitucionalcronologico202454587\/t-482-05\/\" class=\"_self pt-cv-href-thumbnail pt-cv-thumb-default\" target=\"_self\" ><\/a>\n<div class=\"pt-cv-taxoterm above_title\"><a href='https:\/\/www.dmsjuridica.com\/buscador_20179478954\/corteconstitucionalcronologico202454587\/category\/buscar-en-toda-la-corte\/2005\/tutelas-2005\/' title='Tutelas 2005' class='pt-cv-tax-tutelas-2005'>Tutelas 2005<\/a><\/div>\n<h4 class=\"pt-cv-title\"><a href=\"https:\/\/www.dmsjuridica.com\/buscador_20179478954\/corteconstitucionalcronologico202454587\/t-482-05\/\" class=\"_self\" target=\"_self\" >T-482-05<\/a><\/h4>\n<div class=\"pt-cv-content\">\u00a0 \u00a0 Sentencia T-482\/05 \u00a0 DERECHO A LA SALUD-Suministro de medicamentos \u00a0 Estos criterios legales son los \u00fanicos que deber\u00e1 tener en cuenta el Comit\u00e9 T\u00e9cnico Cient\u00edfico al momento de analizar una solicitud, raz\u00f3n por la que, al momento de decidir sobre la aprobaci\u00f3n o rechazo del suministro de un medicamento o de la pr\u00e1ctica de un tratamiento no incluido en el POS, el Comit\u00e9 deber\u00e1 se\u00f1alar claramente los motivos por los cuales acepta o rechaza la solicitud; motivaci\u00f3n que en el caso de rechazo adquiere una importancia superior, dada la importancia del bien involucrado. Es claro que este mecanismo ...<br \/><div class=\"pt-cv-rmwrap\"><a href=\"https:\/\/www.dmsjuridica.com\/buscador_20179478954\/corteconstitucionalcronologico202454587\/t-482-05\/\" class=\"_self pt-cv-readmore btn btn-success\" target=\"_self\">Ver Sentencia Completa...<\/a><\/div><\/div><\/div><\/div>\n<div class=\"col-md-12 col-sm-12 col-xs-12 pt-cv-content-item pt-cv-1-col\" ><div class='pt-cv-ifield'><a href=\"https:\/\/www.dmsjuridica.com\/buscador_20179478954\/corteconstitucionalcronologico202454587\/t-481-05\/\" class=\"_self pt-cv-href-thumbnail pt-cv-thumb-default\" target=\"_self\" ><\/a>\n<div class=\"pt-cv-taxoterm above_title\"><a href='https:\/\/www.dmsjuridica.com\/buscador_20179478954\/corteconstitucionalcronologico202454587\/category\/buscar-en-toda-la-corte\/2005\/tutelas-2005\/' title='Tutelas 2005' class='pt-cv-tax-tutelas-2005'>Tutelas 2005<\/a><\/div>\n<h4 class=\"pt-cv-title\"><a href=\"https:\/\/www.dmsjuridica.com\/buscador_20179478954\/corteconstitucionalcronologico202454587\/t-481-05\/\" class=\"_self\" target=\"_self\" >T-481-05<\/a><\/h4>\n<div class=\"pt-cv-content\">\u00a0 \u00a0 Sentencia T-481\/05 \u00a0 NOTA DE RELATORIA: ESTA SENTENCIA FUE ANULADA MEDIANTE AUTO 100 DE 22 DE MARZO DE 2006 DE SALA PLENA. \u00a0 ARBITRAMENTO-Naturaleza\/JUEZ ARBITRAL-Asuntos sujetos a su conocimiento \u00a0 Tenemos que el arbitramento esta limitado principalmente por un factor temporal y un factor material, representado este \u00faltimo en que el juez arbitral s\u00f3lo tiene competencia para decidir sobre aquellos asuntos susceptibles de transacci\u00f3n, es decir, asuntos sobre los cuales las partes tiene capacidad de disposici\u00f3n. \u00a0 PRINCIPIO DE INDISPONIBILIDAD DE POTESTADES PUBLICAS \u00a0 Aunque en materia de contrataci\u00f3n p\u00fablica est\u00e1 permitido la suscripci\u00f3n de pactos arbitrales (cl\u00e1usula ...<br \/><div class=\"pt-cv-rmwrap\"><a href=\"https:\/\/www.dmsjuridica.com\/buscador_20179478954\/corteconstitucionalcronologico202454587\/t-481-05\/\" class=\"_self pt-cv-readmore btn btn-success\" target=\"_self\">Ver Sentencia Completa...<\/a><\/div><\/div><\/div><\/div>\n<div class=\"col-md-12 col-sm-12 col-xs-12 pt-cv-content-item pt-cv-1-col\" ><div class='pt-cv-ifield'><a href=\"https:\/\/www.dmsjuridica.com\/buscador_20179478954\/corteconstitucionalcronologico202454587\/t-472-05\/\" class=\"_self pt-cv-href-thumbnail pt-cv-thumb-default\" target=\"_self\" ><\/a>\n<div class=\"pt-cv-taxoterm above_title\"><a href='https:\/\/www.dmsjuridica.com\/buscador_20179478954\/corteconstitucionalcronologico202454587\/category\/buscar-en-toda-la-corte\/2005\/tutelas-2005\/' title='Tutelas 2005' class='pt-cv-tax-tutelas-2005'>Tutelas 2005<\/a><\/div>\n<h4 class=\"pt-cv-title\"><a href=\"https:\/\/www.dmsjuridica.com\/buscador_20179478954\/corteconstitucionalcronologico202454587\/t-472-05\/\" class=\"_self\" target=\"_self\" >T-472-05<\/a><\/h4>\n<div class=\"pt-cv-content\">\u00a0 \u00a0 Sentencia T-472\/05 \u00a0 ACCION DE TUTELA CONTRA PROVIDENCIAS JUDICIALES-Ocurrencia de una v\u00eda de hecho \u00a0 VIA DE HECHO-Requisitos que la configuran \u00a0 La Corte Constitucional consider\u00f3 necesario que, en aquellos casos en los cuales los jueces encargados de dar aplicaci\u00f3n a dicha ley, incurrieran en un error de interpretaci\u00f3n y as\u00ed mismo se apartaran de la posici\u00f3n jurisprudencial sentada por la Corte, dicha actuaci\u00f3n podr\u00eda configurar una v\u00eda de hecho, y en ese evento, se deber\u00e1 entonces, entrar a verificar el cumplimiento, no solamente de los requisitos de procedibilidad de la acci\u00f3n de tutela, sino tambi\u00e9n de aquellos ...<br \/><div class=\"pt-cv-rmwrap\"><a href=\"https:\/\/www.dmsjuridica.com\/buscador_20179478954\/corteconstitucionalcronologico202454587\/t-472-05\/\" class=\"_self pt-cv-readmore btn btn-success\" target=\"_self\">Ver Sentencia Completa...<\/a><\/div><\/div><\/div><\/div>\n<div class=\"col-md-12 col-sm-12 col-xs-12 pt-cv-content-item pt-cv-1-col\" ><div class='pt-cv-ifield'><a href=\"https:\/\/www.dmsjuridica.com\/buscador_20179478954\/corteconstitucionalcronologico202454587\/t-471-05\/\" class=\"_self pt-cv-href-thumbnail pt-cv-thumb-default\" target=\"_self\" ><\/a>\n<div class=\"pt-cv-taxoterm above_title\"><a href='https:\/\/www.dmsjuridica.com\/buscador_20179478954\/corteconstitucionalcronologico202454587\/category\/buscar-en-toda-la-corte\/2005\/tutelas-2005\/' title='Tutelas 2005' class='pt-cv-tax-tutelas-2005'>Tutelas 2005<\/a><\/div>\n<h4 class=\"pt-cv-title\"><a href=\"https:\/\/www.dmsjuridica.com\/buscador_20179478954\/corteconstitucionalcronologico202454587\/t-471-05\/\" class=\"_self\" target=\"_self\" >T-471-05<\/a><\/h4>\n<div class=\"pt-cv-content\">\u00a0 \u00a0 Sentencia T-471\/05 \u00a0 AGENCIA OFICIOSA-Representaci\u00f3n de cu\u00f1ado que se encuentra hospitalizado \u00a0 En el caso objeto de revisi\u00f3n cabe se\u00f1alar que, si bien el demandante no manifest\u00f3 categ\u00f3ricamente en el escrito de demanda que el afectado estaba imposibilitado para promover su propia defensa, para la Sala es claro que de conformidad con lo se\u00f1alado en la diligencia de ampliaci\u00f3n de tutela y en la declaraci\u00f3n de su esposa ante el Juzgado de primera instancia, as\u00ed como lo consignado en las ordenes del m\u00e9dico , Formatos de Evoluci\u00f3n de la Cl\u00ednica CES, y en los Formatos de Descripci\u00f3n Operatoria, ...<br \/><div class=\"pt-cv-rmwrap\"><a href=\"https:\/\/www.dmsjuridica.com\/buscador_20179478954\/corteconstitucionalcronologico202454587\/t-471-05\/\" class=\"_self pt-cv-readmore btn btn-success\" target=\"_self\">Ver Sentencia Completa...<\/a><\/div><\/div><\/div><\/div>\n<div class=\"col-md-12 col-sm-12 col-xs-12 pt-cv-content-item pt-cv-1-col\" ><div class='pt-cv-ifield'><a href=\"https:\/\/www.dmsjuridica.com\/buscador_20179478954\/corteconstitucionalcronologico202454587\/t-470-05\/\" class=\"_self pt-cv-href-thumbnail pt-cv-thumb-default\" target=\"_self\" ><\/a>\n<div class=\"pt-cv-taxoterm above_title\"><a href='https:\/\/www.dmsjuridica.com\/buscador_20179478954\/corteconstitucionalcronologico202454587\/category\/buscar-en-toda-la-corte\/2005\/tutelas-2005\/' title='Tutelas 2005' class='pt-cv-tax-tutelas-2005'>Tutelas 2005<\/a><\/div>\n<h4 class=\"pt-cv-title\"><a href=\"https:\/\/www.dmsjuridica.com\/buscador_20179478954\/corteconstitucionalcronologico202454587\/t-470-05\/\" class=\"_self\" target=\"_self\" >T-470-05<\/a><\/h4>\n<div class=\"pt-cv-content\">\u00a0 \u00a0 Sentencia T-470\/05 \u00a0 DERECHO DE PETICION EN MATERIA PENSIONAL-T\u00e9rminos \u00a0 Situados en el \u00e1mbito concreto de las solicitudes relacionadas con el reconocimiento y pago de la pensi\u00f3n de jubilaci\u00f3n, la jurisprudencia desarrollada precisa cu\u00e1les son los plazos tanto para dar respuesta a las peticiones como para proceder al desembolso efectivo cuando a ello hubiere lugar. De esta manera, a partir de la vigencia de la Ley 700 de 2001 se identifican tres momentos distintos, para cada uno de los cuales operan t\u00e9rminos tambi\u00e9n diferentes que sin embargo no son acumulables. \u00a0 ESCISION DEL INSTITUTO DE SEGUROS SOCIALES Y ...<br \/><div class=\"pt-cv-rmwrap\"><a href=\"https:\/\/www.dmsjuridica.com\/buscador_20179478954\/corteconstitucionalcronologico202454587\/t-470-05\/\" class=\"_self pt-cv-readmore btn btn-success\" target=\"_self\">Ver Sentencia Completa...<\/a><\/div><\/div><\/div><\/div>\n<div class=\"col-md-12 col-sm-12 col-xs-12 pt-cv-content-item pt-cv-1-col\" ><div class='pt-cv-ifield'><a href=\"https:\/\/www.dmsjuridica.com\/buscador_20179478954\/corteconstitucionalcronologico202454587\/t-469-05\/\" class=\"_self pt-cv-href-thumbnail pt-cv-thumb-default\" target=\"_self\" ><\/a>\n<div class=\"pt-cv-taxoterm above_title\"><a href='https:\/\/www.dmsjuridica.com\/buscador_20179478954\/corteconstitucionalcronologico202454587\/category\/buscar-en-toda-la-corte\/2005\/tutelas-2005\/' title='Tutelas 2005' class='pt-cv-tax-tutelas-2005'>Tutelas 2005<\/a><\/div>\n<h4 class=\"pt-cv-title\"><a href=\"https:\/\/www.dmsjuridica.com\/buscador_20179478954\/corteconstitucionalcronologico202454587\/t-469-05\/\" class=\"_self\" target=\"_self\" >T-469-05<\/a><\/h4>\n<div class=\"pt-cv-content\">\u00a0 \u00a0 Sentencia T-469\/05 \u00a0 ACCION DE TUTELA CONTRA PROVIDENCIA DE LA CORTE SUPREMA DE JUSTICIA-Al no admitir su tr\u00e1mite las diferentes salas de casaci\u00f3n vulneran derechos fundamentales \u00a0 COMPETENCIA A PREVENCION EN TUTELA-Derecho de acudir ante juez unipersonal o colegiado para interponer tutela contra actuaciones de salas de casaci\u00f3n de la Corte Suprema de Justicia \u00a0 INDEXACION DE LA PRIMERA MESADA PENSIONAL-Reiteraci\u00f3n jurisprudencial \u00a0 ACCION DE TUTELA POR VIA DE HECHO-Medidas que puede tomar el Juez de Tutela para cumplimiento de sentencia de revisi\u00f3n que no es acatada por una Alta Corporaci\u00f3n \u00a0 Referencia: expediente T-930222 \u00a0 Acci\u00f3n de ...<br \/><div class=\"pt-cv-rmwrap\"><a href=\"https:\/\/www.dmsjuridica.com\/buscador_20179478954\/corteconstitucionalcronologico202454587\/t-469-05\/\" class=\"_self pt-cv-readmore btn btn-success\" target=\"_self\">Ver Sentencia Completa...<\/a><\/div><\/div><\/div><\/div>\n<div class=\"col-md-12 col-sm-12 col-xs-12 pt-cv-content-item pt-cv-1-col\" ><div class='pt-cv-ifield'><a href=\"https:\/\/www.dmsjuridica.com\/buscador_20179478954\/corteconstitucionalcronologico202454587\/t-468-05\/\" class=\"_self pt-cv-href-thumbnail pt-cv-thumb-default\" target=\"_self\" ><\/a>\n<div class=\"pt-cv-taxoterm above_title\"><a href='https:\/\/www.dmsjuridica.com\/buscador_20179478954\/corteconstitucionalcronologico202454587\/category\/buscar-en-toda-la-corte\/2005\/tutelas-2005\/' title='Tutelas 2005' class='pt-cv-tax-tutelas-2005'>Tutelas 2005<\/a><\/div>\n<h4 class=\"pt-cv-title\"><a href=\"https:\/\/www.dmsjuridica.com\/buscador_20179478954\/corteconstitucionalcronologico202454587\/t-468-05\/\" class=\"_self\" target=\"_self\" >T-468-05<\/a><\/h4>\n<div class=\"pt-cv-content\">\u00a0 \u00a0 Sentencia T-468\/05 \u00a0 ACCION DE TUTELA-Procedencia excepcional pago de salarios atrasados \u00a0 DERECHO AL MINIMO VITAL-Pago de salarios atrasados \u00a0 Referencia: expediente T-1041066 \u00a0 Acci\u00f3n de tutela instaurada por Patricia Villalobos Marenco, Juan Carlos Donado Castro, Leonello Lacides Rojas Castro y Evelyn \u00a0Zaccaro Ferrer contra el Fondo de Vivienda de Inter\u00e9s Social y la Reforma Urbana de Soledad \u2013Atl\u00e1ntico \u201cEn Liquidaci\u00f3n\u201d Fonvisocial, Secretar\u00eda de Hacienda y Tesorer\u00eda Municipal de Soledad \u2013Atl\u00e1ntico-.\u00a0 \u00a0 Magistrado Ponente :\u00a0 \u00a0 Dr. JAIME C\u00d3RDOBA TRIVI\u00d1O. \u00a0 Bogot\u00e1, D.C., seis (6) de mayo de dos mil cinco (2005).\u00a0 \u00a0 La Sala Cuarta de Revisi\u00f3n ...<br \/><div class=\"pt-cv-rmwrap\"><a href=\"https:\/\/www.dmsjuridica.com\/buscador_20179478954\/corteconstitucionalcronologico202454587\/t-468-05\/\" class=\"_self pt-cv-readmore btn btn-success\" target=\"_self\">Ver Sentencia Completa...<\/a><\/div><\/div><\/div><\/div>\n<div class=\"col-md-12 col-sm-12 col-xs-12 pt-cv-content-item pt-cv-1-col\" ><div class='pt-cv-ifield'><a href=\"https:\/\/www.dmsjuridica.com\/buscador_20179478954\/corteconstitucionalcronologico202454587\/t-467-05\/\" class=\"_self pt-cv-href-thumbnail pt-cv-thumb-default\" target=\"_self\" ><\/a>\n<div class=\"pt-cv-taxoterm above_title\"><a href='https:\/\/www.dmsjuridica.com\/buscador_20179478954\/corteconstitucionalcronologico202454587\/category\/buscar-en-toda-la-corte\/2005\/tutelas-2005\/' title='Tutelas 2005' class='pt-cv-tax-tutelas-2005'>Tutelas 2005<\/a><\/div>\n<h4 class=\"pt-cv-title\"><a href=\"https:\/\/www.dmsjuridica.com\/buscador_20179478954\/corteconstitucionalcronologico202454587\/t-467-05\/\" class=\"_self\" target=\"_self\" >T-467-05<\/a><\/h4>\n<div class=\"pt-cv-content\">\u00a0 \u00a0 Sentencia T-467\/05 \u00a0 ACCION DE TUTELA-Procedencia excepcional pago de salarios atrasados \u00a0 DERECHO AL MINIMO VITAL-Pago de salarios atrasados \u00a0 PRINCIPIO DE LA CONFIANZA LEGITIMA DEL ADMINISTRADO CON LA ADMINISTRACION-Pago de salarios \u00a0 Referencia: expediente T-1040100 \u00a0 Acci\u00f3n de tutela instaurada por Jorge Isaac Coba contra la Gobernaci\u00f3n del Atl\u00e1ntico, la Tesorer\u00eda Departamental y la Secretar\u00eda de Educaci\u00f3n Departamental. \u00a0 Magistrado Ponente :\u00a0 \u00a0 Dr. JAIME C\u00d3RDOBA TRIVI\u00d1O. \u00a0 Bogot\u00e1, D.C., seis (6) de mayo de dos mil cinco (2005).\u00a0 \u00a0 La Sala Cuarta de Revisi\u00f3n de la Corte Constitucional, integrada por los magistrados Jaime C\u00f3rdoba Trivi\u00f1o, Rodrigo ...<br \/><div class=\"pt-cv-rmwrap\"><a href=\"https:\/\/www.dmsjuridica.com\/buscador_20179478954\/corteconstitucionalcronologico202454587\/t-467-05\/\" class=\"_self pt-cv-readmore btn btn-success\" target=\"_self\">Ver Sentencia Completa...<\/a><\/div><\/div><\/div><\/div>\n<div class=\"col-md-12 col-sm-12 col-xs-12 pt-cv-content-item pt-cv-1-col\" ><div class='pt-cv-ifield'><a href=\"https:\/\/www.dmsjuridica.com\/buscador_20179478954\/corteconstitucionalcronologico202454587\/t-466-05\/\" class=\"_self pt-cv-href-thumbnail pt-cv-thumb-default\" target=\"_self\" ><\/a>\n<div class=\"pt-cv-taxoterm above_title\"><a href='https:\/\/www.dmsjuridica.com\/buscador_20179478954\/corteconstitucionalcronologico202454587\/category\/buscar-en-toda-la-corte\/2005\/tutelas-2005\/' title='Tutelas 2005' class='pt-cv-tax-tutelas-2005'>Tutelas 2005<\/a><\/div>\n<h4 class=\"pt-cv-title\"><a href=\"https:\/\/www.dmsjuridica.com\/buscador_20179478954\/corteconstitucionalcronologico202454587\/t-466-05\/\" class=\"_self\" target=\"_self\" >T-466-05<\/a><\/h4>\n<div class=\"pt-cv-content\">\u00a0 \u00a0 Sentencia T-466\/05 \u00a0 CAPACIDAD ECONOMICA DE PERSONA QUE REQUIERE MEDICAMENTO-Conforme al salario que devenga puede sufragarlo \u00a0 En cuanto al criterio, referido a la necesidad de que \u201cel paciente realmente no pueda sufragar el costo del medicamento o tratamiento requerido, y que no pueda acceder a \u00e9l por ning\u00fan otro modo o sistema\u201d, en el presente asunto se puede colegir que por tratarse de una persona que se encuentra laborando en la Fiscal\u00eda General de la Naci\u00f3n como Fiscal 23 Seccional de Valledupar devengando un salario para la \u00e9poca de presentaci\u00f3n de la acci\u00f3n -a\u00f1o 2004- de $ ...<br \/><div class=\"pt-cv-rmwrap\"><a href=\"https:\/\/www.dmsjuridica.com\/buscador_20179478954\/corteconstitucionalcronologico202454587\/t-466-05\/\" class=\"_self pt-cv-readmore btn btn-success\" target=\"_self\">Ver Sentencia Completa...<\/a><\/div><\/div><\/div><\/div>\n<div class=\"col-md-12 col-sm-12 col-xs-12 pt-cv-content-item pt-cv-1-col\" ><div class='pt-cv-ifield'><a href=\"https:\/\/www.dmsjuridica.com\/buscador_20179478954\/corteconstitucionalcronologico202454587\/t-465-05\/\" class=\"_self pt-cv-href-thumbnail pt-cv-thumb-default\" target=\"_self\" ><\/a>\n<div class=\"pt-cv-taxoterm above_title\"><a href='https:\/\/www.dmsjuridica.com\/buscador_20179478954\/corteconstitucionalcronologico202454587\/category\/buscar-en-toda-la-corte\/2005\/tutelas-2005\/' title='Tutelas 2005' class='pt-cv-tax-tutelas-2005'>Tutelas 2005<\/a><\/div>\n<h4 class=\"pt-cv-title\"><a href=\"https:\/\/www.dmsjuridica.com\/buscador_20179478954\/corteconstitucionalcronologico202454587\/t-465-05\/\" class=\"_self\" target=\"_self\" >T-465-05<\/a><\/h4>\n<div class=\"pt-cv-content\">\u00a0 \u00a0 Sentencia T-465\/05 \u00a0 VIA DE HECHO-Car\u00e1cter excepcional \u00a0 VIA DE HECHO-Caracter\u00edsticas que debe reunir \u00a0 La Corte Constitucional tambi\u00e9n ha sido reiterativa al establecer que la v\u00eda de hecho, adem\u00e1s de no corresponder a una simple irregularidad procesal, debe reunir las siguientes caracter\u00edsticas: i) que se est\u00e9 en presencia de derechos fundamentales cuya vulneraci\u00f3n se presente de manera grave e inminente; ii) debe consistir en un verdadero agravio al ordenamiento jur\u00eddico; iii) que no exista otra v\u00eda de defensa judicial; y, iv) que la decisi\u00f3n u omisi\u00f3n del juez de conocimiento obedezca a su capricho o arbitrariedad.\u00a0 \u00a0 ...<br \/><div class=\"pt-cv-rmwrap\"><a href=\"https:\/\/www.dmsjuridica.com\/buscador_20179478954\/corteconstitucionalcronologico202454587\/t-465-05\/\" class=\"_self pt-cv-readmore btn btn-success\" target=\"_self\">Ver Sentencia Completa...<\/a><\/div><\/div><\/div><\/div>\n<div class=\"col-md-12 col-sm-12 col-xs-12 pt-cv-content-item pt-cv-1-col\" ><div class='pt-cv-ifield'><a href=\"https:\/\/www.dmsjuridica.com\/buscador_20179478954\/corteconstitucionalcronologico202454587\/t-464-05\/\" class=\"_self pt-cv-href-thumbnail pt-cv-thumb-default\" target=\"_self\" ><\/a>\n<div class=\"pt-cv-taxoterm above_title\"><a href='https:\/\/www.dmsjuridica.com\/buscador_20179478954\/corteconstitucionalcronologico202454587\/category\/buscar-en-toda-la-corte\/2005\/tutelas-2005\/' title='Tutelas 2005' class='pt-cv-tax-tutelas-2005'>Tutelas 2005<\/a><\/div>\n<h4 class=\"pt-cv-title\"><a href=\"https:\/\/www.dmsjuridica.com\/buscador_20179478954\/corteconstitucionalcronologico202454587\/t-464-05\/\" class=\"_self\" target=\"_self\" >T-464-05<\/a><\/h4>\n<div class=\"pt-cv-content\">\u00a0 \u00a0 Sentencia T-464\/05 \u00a0 DEBER DE SOLIDARIDAD Y ASISTENCIA A LAS PERSONAS DE LA TERCERA EDAD \u00a0 DERECHO A LA SALUD DE PERSONA DE LA TERCERA EDAD-Fundamental por conexidad con la vida \u00a0 SERVICIOS MEDICOS NECESARIOS EXCLUIDOS DEL POS-Reglas jurisprudenciales \u00a0 PRINCIPIO DE CONTINUIDAD EN EL SERVICIO DE SALUD \u00a0 Con el principio de continuidad, se busca garantizar a los titulares del derecho a la atenci\u00f3n en salud que han ingresado al sistema de General de Seguridad Social, la prestaci\u00f3n ininterrumpida, constante y permanente de los servicios, como una garant\u00eda de protecci\u00f3n de sus derechos a la vida y ...<br \/><div class=\"pt-cv-rmwrap\"><a href=\"https:\/\/www.dmsjuridica.com\/buscador_20179478954\/corteconstitucionalcronologico202454587\/t-464-05\/\" class=\"_self pt-cv-readmore btn btn-success\" target=\"_self\">Ver Sentencia Completa...<\/a><\/div><\/div><\/div><\/div>\n<div class=\"col-md-12 col-sm-12 col-xs-12 pt-cv-content-item pt-cv-1-col\" ><div class='pt-cv-ifield'><a href=\"https:\/\/www.dmsjuridica.com\/buscador_20179478954\/corteconstitucionalcronologico202454587\/t-463-05\/\" class=\"_self pt-cv-href-thumbnail pt-cv-thumb-default\" target=\"_self\" ><\/a>\n<div class=\"pt-cv-taxoterm above_title\"><a href='https:\/\/www.dmsjuridica.com\/buscador_20179478954\/corteconstitucionalcronologico202454587\/category\/buscar-en-toda-la-corte\/2005\/tutelas-2005\/' title='Tutelas 2005' class='pt-cv-tax-tutelas-2005'>Tutelas 2005<\/a><\/div>\n<h4 class=\"pt-cv-title\"><a href=\"https:\/\/www.dmsjuridica.com\/buscador_20179478954\/corteconstitucionalcronologico202454587\/t-463-05\/\" class=\"_self\" target=\"_self\" >T-463-05<\/a><\/h4>\n<div class=\"pt-cv-content\">\u00a0 \u00a0 Sentencia T-463\/05 \u00a0 DERECHO DE PETICION-Requisitos que debe cumplir la respuesta \u00a0 La respuesta que se d\u00e9 al peticionario debe cumplir, a lo menos, con los siguientes requisitos: 1. Ser oportuna; 2. Resolver de fondo, en forma clara, precisa y congruente con lo solicitado; 3. Ser puesta en conocimiento del peticionario. Si no se cumple con estos requisitos se incurre en una vulneraci\u00f3n del derecho constitucional fundamental de petici\u00f3n. \u00a0 DERECHO DE PETICION-Caso en que se cuentan t\u00e9rminos del CCA \u00a0 REGISTRO INMOBILIARIO-Tr\u00e1mite administrativo de inscripci\u00f3n en el folio de matr\u00edcula y sistema de turnos \u00a0 No ignora ...<br \/><div class=\"pt-cv-rmwrap\"><a href=\"https:\/\/www.dmsjuridica.com\/buscador_20179478954\/corteconstitucionalcronologico202454587\/t-463-05\/\" class=\"_self pt-cv-readmore btn btn-success\" target=\"_self\">Ver Sentencia Completa...<\/a><\/div><\/div><\/div><\/div>\n<div class=\"col-md-12 col-sm-12 col-xs-12 pt-cv-content-item pt-cv-1-col\" ><div class='pt-cv-ifield'><a href=\"https:\/\/www.dmsjuridica.com\/buscador_20179478954\/corteconstitucionalcronologico202454587\/t-462-05\/\" class=\"_self pt-cv-href-thumbnail pt-cv-thumb-default\" target=\"_self\" ><\/a>\n<div class=\"pt-cv-taxoterm above_title\"><a href='https:\/\/www.dmsjuridica.com\/buscador_20179478954\/corteconstitucionalcronologico202454587\/category\/buscar-en-toda-la-corte\/2005\/tutelas-2005\/' title='Tutelas 2005' class='pt-cv-tax-tutelas-2005'>Tutelas 2005<\/a><\/div>\n<h4 class=\"pt-cv-title\"><a href=\"https:\/\/www.dmsjuridica.com\/buscador_20179478954\/corteconstitucionalcronologico202454587\/t-462-05\/\" class=\"_self\" target=\"_self\" >T-462-05<\/a><\/h4>\n<div class=\"pt-cv-content\">\u00a0 \u00a0 Sentencia T-462\/05 \u00a0 DERECHO A LA SALUD DE PERSONA DE LA TERCERA EDAD-Implantaci\u00f3n de marcapasos \u00a0 Referencia: expediente T-1080479 \u00a0 Acci\u00f3n de tutela del se\u00f1or Jos\u00e9 Oscar Restrepo V\u00e9lez, contra el Instituto del Seguro Social Seccional Antioquia.\u00a0 \u00a0 Magistrado Ponente:\u00a0 \u00a0 Dr. ALFREDO BELTR\u00c1N SIERRA. \u00a0 Bogot\u00e1, D.C., cinco (5) de mayo de dos mil cinco (2005). \u00a0 La Sala Segunda (2a.) de Revisi\u00f3n de la Corte Constitucional, integrada por los magistrados Alfredo Beltr\u00e1n Sierra, Manuel Jos\u00e9 Cepeda Espinosa y Jaime C\u00f3rdoba Trivi\u00f1o, en ejercicio de sus competencias constitucionales y legales ha proferido la siguiente \u00a0 SENTENCIA \u00a0 ...<br \/><div class=\"pt-cv-rmwrap\"><a href=\"https:\/\/www.dmsjuridica.com\/buscador_20179478954\/corteconstitucionalcronologico202454587\/t-462-05\/\" class=\"_self pt-cv-readmore btn btn-success\" target=\"_self\">Ver Sentencia Completa...<\/a><\/div><\/div><\/div><\/div>\n<div class=\"col-md-12 col-sm-12 col-xs-12 pt-cv-content-item pt-cv-1-col\" ><div class='pt-cv-ifield'><a href=\"https:\/\/www.dmsjuridica.com\/buscador_20179478954\/corteconstitucionalcronologico202454587\/t-461-05\/\" class=\"_self pt-cv-href-thumbnail pt-cv-thumb-default\" target=\"_self\" ><\/a>\n<div class=\"pt-cv-taxoterm above_title\"><a href='https:\/\/www.dmsjuridica.com\/buscador_20179478954\/corteconstitucionalcronologico202454587\/category\/buscar-en-toda-la-corte\/2005\/tutelas-2005\/' title='Tutelas 2005' class='pt-cv-tax-tutelas-2005'>Tutelas 2005<\/a><\/div>\n<h4 class=\"pt-cv-title\"><a href=\"https:\/\/www.dmsjuridica.com\/buscador_20179478954\/corteconstitucionalcronologico202454587\/t-461-05\/\" class=\"_self\" target=\"_self\" >T-461-05<\/a><\/h4>\n<div class=\"pt-cv-content\">DERECHO A LA SALUD DEL MENOR-Cirug\u00eda de hernia \u00a0 En aras de proteger los derechos vulnerados, se ordenar\u00e1 a la EPS, que en el t\u00e9rmino de cuarenta y ocho horas (48), contadas a partir de la notificaci\u00f3n de esta providencia, si a\u00fan no lo hubiere hecho, autorice la pr\u00e1ctica de la intervenci\u00f3n quir\u00fargica determinada por el m\u00e9dico tratante para la \u201cHern\u00eda Inguinal Izquierda y Hern\u00eda Umbilical\u201d, solicitado por la se\u00f1ora Yoyce Bahamon Perdomo en representaci\u00f3n de su menor hijo Steven \u00a0David Garc\u00eda Bahamon y en consecuencia se brinde la atenci\u00f3n medica integral que requiera para el tratamiento de la enfermedad ...<br \/><div class=\"pt-cv-rmwrap\"><a href=\"https:\/\/www.dmsjuridica.com\/buscador_20179478954\/corteconstitucionalcronologico202454587\/t-461-05\/\" class=\"_self pt-cv-readmore btn btn-success\" target=\"_self\">Ver Sentencia Completa...<\/a><\/div><\/div><\/div><\/div>\n<div class=\"col-md-12 col-sm-12 col-xs-12 pt-cv-content-item pt-cv-1-col\" ><div class='pt-cv-ifield'><a href=\"https:\/\/www.dmsjuridica.com\/buscador_20179478954\/corteconstitucionalcronologico202454587\/t-460-05\/\" class=\"_self pt-cv-href-thumbnail pt-cv-thumb-default\" target=\"_self\" ><\/a>\n<div class=\"pt-cv-taxoterm above_title\"><a href='https:\/\/www.dmsjuridica.com\/buscador_20179478954\/corteconstitucionalcronologico202454587\/category\/buscar-en-toda-la-corte\/2005\/tutelas-2005\/' title='Tutelas 2005' class='pt-cv-tax-tutelas-2005'>Tutelas 2005<\/a><\/div>\n<h4 class=\"pt-cv-title\"><a href=\"https:\/\/www.dmsjuridica.com\/buscador_20179478954\/corteconstitucionalcronologico202454587\/t-460-05\/\" class=\"_self\" target=\"_self\" >T-460-05<\/a><\/h4>\n<div class=\"pt-cv-content\">\u00a0 \u00a0 Sentencia T-460\/05 \u00a0 DERECHO AL BUEN NOMBRE Y ACCION DE TUTELA-Procedencia exige previa solicitud de rectificaci\u00f3n \u00a0 Se observa en el expediente de tutela que el actor no present\u00f3 ante Notiacac\u00edas 88.8 F.M., radio comunitaria, la respectiva solicitud verbal o escrita para que se le rectificara la noticia publicada el 27 de diciembre de 2004, sino que procedi\u00f3 directamente a instaurar la acci\u00f3n de tutela considerando que \u00e9sta es el mecanismo id\u00f3neo para ordenar la rectificaci\u00f3n por parte de la emisora; sin antes haber agotado el camino previo, cual es el de acudir directamente a la emisora. El ...<br \/><div class=\"pt-cv-rmwrap\"><a href=\"https:\/\/www.dmsjuridica.com\/buscador_20179478954\/corteconstitucionalcronologico202454587\/t-460-05\/\" class=\"_self pt-cv-readmore btn btn-success\" target=\"_self\">Ver Sentencia Completa...<\/a><\/div><\/div><\/div><\/div>\n<div class=\"col-md-12 col-sm-12 col-xs-12 pt-cv-content-item pt-cv-1-col\" ><div class='pt-cv-ifield'><a href=\"https:\/\/www.dmsjuridica.com\/buscador_20179478954\/corteconstitucionalcronologico202454587\/t-459-05\/\" class=\"_self pt-cv-href-thumbnail pt-cv-thumb-default\" target=\"_self\" ><\/a>\n<div class=\"pt-cv-taxoterm above_title\"><a href='https:\/\/www.dmsjuridica.com\/buscador_20179478954\/corteconstitucionalcronologico202454587\/category\/buscar-en-toda-la-corte\/2005\/tutelas-2005\/' title='Tutelas 2005' class='pt-cv-tax-tutelas-2005'>Tutelas 2005<\/a><\/div>\n<h4 class=\"pt-cv-title\"><a href=\"https:\/\/www.dmsjuridica.com\/buscador_20179478954\/corteconstitucionalcronologico202454587\/t-459-05\/\" class=\"_self\" target=\"_self\" >T-459-05<\/a><\/h4>\n<div class=\"pt-cv-content\">\u00a0 \u00a0 Sentencia T-459\/05 \u00a0 ACCION DE TUTELA CONTRA CLUB DEPORTIVO-Procedencia\u00a0 \u00a0 CLUB DEPORTIVO-Libertad del jugador cuando desaparece relaci\u00f3n contractual\u00a0 \u00a0 CLUB DEPORTIVO-No entrega carta de transferencia de derechos deportivos del jugador \u00a0 CLUB DEPORTIVO-No existe contrato de trabajo vigente con el jugador \u00a0 DERECHOS DEPORTIVOS-L\u00edmites constitucionales \u00a0 DERECHOS DEPORTIVOS-Ejercicio razonable \u00a0 LIBERTAD DE TRABAJO DEL DEPORTISTA PROFESIONAL-Protecci\u00f3n especial \u00a0 CLUB DEPORTIVO-Afectaci\u00f3n patrimonial de sus intereses \u00a0 Referencia: expediente T-1014957 \u00a0 Peticionario: Roger Cambindo Ibarra\u00a0 \u00a0 Accionado: Club Deportivo Los Millonarios \u00a0 Magistrado Ponente:\u00a0 \u00a0 Dr. MARCO GERARDO MONROY CABRA \u00a0 Bogot\u00e1 D. C., cinco (5) de mayo de dos ...<br \/><div class=\"pt-cv-rmwrap\"><a href=\"https:\/\/www.dmsjuridica.com\/buscador_20179478954\/corteconstitucionalcronologico202454587\/t-459-05\/\" class=\"_self pt-cv-readmore btn btn-success\" target=\"_self\">Ver Sentencia Completa...<\/a><\/div><\/div><\/div><\/div>\n<div class=\"col-md-12 col-sm-12 col-xs-12 pt-cv-content-item pt-cv-1-col\" ><div class='pt-cv-ifield'><a href=\"https:\/\/www.dmsjuridica.com\/buscador_20179478954\/corteconstitucionalcronologico202454587\/t-458-05\/\" class=\"_self pt-cv-href-thumbnail pt-cv-thumb-default\" target=\"_self\" ><\/a>\n<div class=\"pt-cv-taxoterm above_title\"><a href='https:\/\/www.dmsjuridica.com\/buscador_20179478954\/corteconstitucionalcronologico202454587\/category\/buscar-en-toda-la-corte\/2005\/tutelas-2005\/' title='Tutelas 2005' class='pt-cv-tax-tutelas-2005'>Tutelas 2005<\/a><\/div>\n<h4 class=\"pt-cv-title\"><a href=\"https:\/\/www.dmsjuridica.com\/buscador_20179478954\/corteconstitucionalcronologico202454587\/t-458-05\/\" class=\"_self\" target=\"_self\" >T-458-05<\/a><\/h4>\n<div class=\"pt-cv-content\">\u00a0 \u00a0 Sentencia T-458\/05 \u00a0 DERECHO DE PETICION-Caso en que se di\u00f3 respuesta a revocatorias directas solicitadas \u00a0 No procede para este caso \u00a0la acci\u00f3n de tutela, pues \u00a0de la actuaci\u00f3n desplegada por la administraci\u00f3n y de las pruebas arrimadas no se evidencia una vulneraci\u00f3n a los derechos aludidos, teniendo en cuenta que la actuaci\u00f3n administrativa se hizo con observancia de las reglas propias de tales procedimientos, y de otro lado, el fallo producido por el Juez de tutela fue acatado en estricto sentido por la Subdirecci\u00f3n T\u00e9cnica Jur\u00eddica y de Ejecuciones Fiscales del IDU, dando respuesta a las revocatorias ...<br \/><div class=\"pt-cv-rmwrap\"><a href=\"https:\/\/www.dmsjuridica.com\/buscador_20179478954\/corteconstitucionalcronologico202454587\/t-458-05\/\" class=\"_self pt-cv-readmore btn btn-success\" target=\"_self\">Ver Sentencia Completa...<\/a><\/div><\/div><\/div><\/div>\n<div class=\"col-md-12 col-sm-12 col-xs-12 pt-cv-content-item pt-cv-1-col\" ><div class='pt-cv-ifield'><a href=\"https:\/\/www.dmsjuridica.com\/buscador_20179478954\/corteconstitucionalcronologico202454587\/t-457-05\/\" class=\"_self pt-cv-href-thumbnail pt-cv-thumb-default\" target=\"_self\" ><\/a>\n<div class=\"pt-cv-taxoterm above_title\"><a href='https:\/\/www.dmsjuridica.com\/buscador_20179478954\/corteconstitucionalcronologico202454587\/category\/buscar-en-toda-la-corte\/2005\/tutelas-2005\/' title='Tutelas 2005' class='pt-cv-tax-tutelas-2005'>Tutelas 2005<\/a><\/div>\n<h4 class=\"pt-cv-title\"><a href=\"https:\/\/www.dmsjuridica.com\/buscador_20179478954\/corteconstitucionalcronologico202454587\/t-457-05\/\" class=\"_self\" target=\"_self\" >T-457-05<\/a><\/h4>\n<div class=\"pt-cv-content\">\u00a0 \u00a0 Sentencia T-457\/05 \u00a0 DERECHO A LA EDUCACION-Cancelaci\u00f3n de matr\u00edcula universitaria por fraude \u00a0 PROCESO DISCIPLINARIO EN UNIVERSIDADES \u00a0 AUTONOMIA UNIVERSITARIA-Finalidad\/AUTONOMIA UNIVERSITARIA-No es absoluta \u00a0 INSTITUCION DE EDUCACION SUPERIOR-Requisitos para la imposici\u00f3n de sanciones \u00a0 Ha dicho la jurisprudencia que \u00a0la \u00a0imposici\u00f3n de sanciones por parte de las instituciones universitarias es una facultad que se encuentra sujeta a ciertos requisitos, para que su ejercicio sea compatible con la Constituci\u00f3n, a saber: (i) que la instituci\u00f3n cuente con un reglamento, vinculante a toda la comunidad educativa y que \u00e9ste sea compatible con la Constituci\u00f3n, y en especial, con la protecci\u00f3n ...<br \/><div class=\"pt-cv-rmwrap\"><a href=\"https:\/\/www.dmsjuridica.com\/buscador_20179478954\/corteconstitucionalcronologico202454587\/t-457-05\/\" class=\"_self pt-cv-readmore btn btn-success\" target=\"_self\">Ver Sentencia Completa...<\/a><\/div><\/div><\/div><\/div>\n<div class=\"col-md-12 col-sm-12 col-xs-12 pt-cv-content-item pt-cv-1-col\" ><div class='pt-cv-ifield'><a href=\"https:\/\/www.dmsjuridica.com\/buscador_20179478954\/corteconstitucionalcronologico202454587\/t-456-05\/\" class=\"_self pt-cv-href-thumbnail pt-cv-thumb-default\" target=\"_self\" ><\/a>\n<div class=\"pt-cv-taxoterm above_title\"><a href='https:\/\/www.dmsjuridica.com\/buscador_20179478954\/corteconstitucionalcronologico202454587\/category\/buscar-en-toda-la-corte\/2005\/tutelas-2005\/' title='Tutelas 2005' class='pt-cv-tax-tutelas-2005'>Tutelas 2005<\/a><\/div>\n<h4 class=\"pt-cv-title\"><a href=\"https:\/\/www.dmsjuridica.com\/buscador_20179478954\/corteconstitucionalcronologico202454587\/t-456-05\/\" class=\"_self\" target=\"_self\" >T-456-05<\/a><\/h4>\n<div class=\"pt-cv-content\">\u00a0 \u00a0 Sentencia T-456\/05 \u00a0 INTERVENCION DEL ESTADO EN EL SISTEMA DE SALUD-Car\u00e1cter intenso \u00a0 La injerencia estatal en dicho servicio p\u00fablico es, como lo ha se\u00f1alado esta Corporaci\u00f3n, de car\u00e1cter intenso. Tal injerencia del Estado, vinculada directamente con la cl\u00e1usula del Estado Social de Derecho, impone a las autoridades p\u00fablicas el deber de asumir la prestaci\u00f3n del servicio p\u00fablico de salud \u2013de manera universal, eficiente y solidaria- , ya sea directamente o por medio de los particulares. Cuando no lo hace directamente, debe ejercitar un control llamado a preservar la confianza p\u00fablica, procurando que las entidades de car\u00e1cter privado ...<br \/><div class=\"pt-cv-rmwrap\"><a href=\"https:\/\/www.dmsjuridica.com\/buscador_20179478954\/corteconstitucionalcronologico202454587\/t-456-05\/\" class=\"_self pt-cv-readmore btn btn-success\" target=\"_self\">Ver Sentencia Completa...<\/a><\/div><\/div><\/div><\/div>\n<div class=\"col-md-12 col-sm-12 col-xs-12 pt-cv-content-item pt-cv-1-col\" ><div class='pt-cv-ifield'><a href=\"https:\/\/www.dmsjuridica.com\/buscador_20179478954\/corteconstitucionalcronologico202454587\/t-455-05\/\" class=\"_self pt-cv-href-thumbnail pt-cv-thumb-default\" target=\"_self\" ><\/a>\n<div class=\"pt-cv-taxoterm above_title\"><a href='https:\/\/www.dmsjuridica.com\/buscador_20179478954\/corteconstitucionalcronologico202454587\/category\/buscar-en-toda-la-corte\/2005\/tutelas-2005\/' title='Tutelas 2005' class='pt-cv-tax-tutelas-2005'>Tutelas 2005<\/a><\/div>\n<h4 class=\"pt-cv-title\"><a href=\"https:\/\/www.dmsjuridica.com\/buscador_20179478954\/corteconstitucionalcronologico202454587\/t-455-05\/\" class=\"_self\" target=\"_self\" >T-455-05<\/a><\/h4>\n<div class=\"pt-cv-content\">\u00a0 \u00a0 Sentencia T-455\/05 \u00a0 DEBIDO PROCESO EN IMPOSICION DE SANCIONES POR PARTE DE EMPRESAS DE SERVICIOS PUBLICOS \u00a0 Los suscriptores y usuarios de los servicios p\u00fablicos domiciliarios son titulares de las siguientes garant\u00edas que se desprenden del derecho al debido proceso: i) la necesidad que la actuaci\u00f3n administrativa se surta sin dilaciones injustificadas, ii) de conformidad con el procedimiento previamente definido en las normas, iii) ante la autoridad competente; iv) con pleno respeto de las formas propias de la actuaci\u00f3n administrativa previstas en el ordenamiento jur\u00eddico; v) en acatamiento del principio de presunci\u00f3n de inocencia; vi) de garant\u00eda efectiva ...<br \/><div class=\"pt-cv-rmwrap\"><a href=\"https:\/\/www.dmsjuridica.com\/buscador_20179478954\/corteconstitucionalcronologico202454587\/t-455-05\/\" class=\"_self pt-cv-readmore btn btn-success\" target=\"_self\">Ver Sentencia Completa...<\/a><\/div><\/div><\/div><\/div>\n<div class=\"col-md-12 col-sm-12 col-xs-12 pt-cv-content-item pt-cv-1-col\" ><div class='pt-cv-ifield'><a href=\"https:\/\/www.dmsjuridica.com\/buscador_20179478954\/corteconstitucionalcronologico202454587\/t-454-05\/\" class=\"_self pt-cv-href-thumbnail pt-cv-thumb-default\" target=\"_self\" ><\/a>\n<div class=\"pt-cv-taxoterm above_title\"><a href='https:\/\/www.dmsjuridica.com\/buscador_20179478954\/corteconstitucionalcronologico202454587\/category\/buscar-en-toda-la-corte\/2005\/tutelas-2005\/' title='Tutelas 2005' class='pt-cv-tax-tutelas-2005'>Tutelas 2005<\/a><\/div>\n<h4 class=\"pt-cv-title\"><a href=\"https:\/\/www.dmsjuridica.com\/buscador_20179478954\/corteconstitucionalcronologico202454587\/t-454-05\/\" class=\"_self\" target=\"_self\" >T-454-05<\/a><\/h4>\n<div class=\"pt-cv-content\">\u00a0 \u00a0 Sentencia T-454\/05 \u00a0 CAJA NACIONAL DE PREVISION SOCIAL-Interpretaci\u00f3n del art\u00edculo 9 de la Ley 490\/98 sobre clasificaci\u00f3n de servidores p\u00fablicos \u00a0 El empleo que ocupaba la accionante en el momento en el que su nombramiento fue declarado insubsistente corresponde a la carrera administrativa. Adicionalmente, dado que en el proceso no se aleg\u00f3 que la accionante fue vinculada al cargo de carrera por medio de un concurso de m\u00e9ritos, la Corte concluye que \u00e9sta fue nombrada en provisionalidad. la Sala estima que el art\u00edculo 9\u00ba de la Ley 490 de 1998 no puede ser interpretado de la manera descrita ...<br \/><div class=\"pt-cv-rmwrap\"><a href=\"https:\/\/www.dmsjuridica.com\/buscador_20179478954\/corteconstitucionalcronologico202454587\/t-454-05\/\" class=\"_self pt-cv-readmore btn btn-success\" target=\"_self\">Ver Sentencia Completa...<\/a><\/div><\/div><\/div><\/div>\n<div class=\"col-md-12 col-sm-12 col-xs-12 pt-cv-content-item pt-cv-1-col\" ><div class='pt-cv-ifield'><a href=\"https:\/\/www.dmsjuridica.com\/buscador_20179478954\/corteconstitucionalcronologico202454587\/t-453-05\/\" class=\"_self pt-cv-href-thumbnail pt-cv-thumb-default\" target=\"_self\" ><\/a>\n<div class=\"pt-cv-taxoterm above_title\"><a href='https:\/\/www.dmsjuridica.com\/buscador_20179478954\/corteconstitucionalcronologico202454587\/category\/buscar-en-toda-la-corte\/2005\/tutelas-2005\/' title='Tutelas 2005' class='pt-cv-tax-tutelas-2005'>Tutelas 2005<\/a><\/div>\n<h4 class=\"pt-cv-title\"><a href=\"https:\/\/www.dmsjuridica.com\/buscador_20179478954\/corteconstitucionalcronologico202454587\/t-453-05\/\" class=\"_self\" target=\"_self\" >T-453-05<\/a><\/h4>\n<div class=\"pt-cv-content\">\u00a0 \u00a0 Sentencia T-453\/05 \u00a0 ACCION DE TUTELA CONTRA PROVIDENCIAS JUDICIALES POR VIA DE HECHO-Reiteraci\u00f3n de jurisprudencia \u00a0 ACCION DE TUTELA CONTRA PROVIDENCIAS JUDICIALES-Requisitos precisados por la jurisprudencia constitucional \u00a0 ACCION DE TUTELA CONTRA PROVIDENCIAS JUDICIALES-Causales gen\u00e9ricas de procedibilidad\u00a0 \u00a0 VIA DE HECHO POR DEFECTO SUSTANTIVO-Casos en que se presenta \u00a0 Por la naturaleza de las alegaciones espec\u00edficas que se plantean en la demanda de tutela, es relevante que la Sala se pronuncie brevemente sobre el alcance de la llamada \u201cv\u00eda de hecho por defecto sustantivo\u201d. En varios fallos anteriores, la Corte ha delimitado el campo de aplicaci\u00f3n de esta ...<br \/><div class=\"pt-cv-rmwrap\"><a href=\"https:\/\/www.dmsjuridica.com\/buscador_20179478954\/corteconstitucionalcronologico202454587\/t-453-05\/\" class=\"_self pt-cv-readmore btn btn-success\" target=\"_self\">Ver Sentencia Completa...<\/a><\/div><\/div><\/div><\/div>\n<div class=\"col-md-12 col-sm-12 col-xs-12 pt-cv-content-item pt-cv-1-col\" ><div class='pt-cv-ifield'><a href=\"https:\/\/www.dmsjuridica.com\/buscador_20179478954\/corteconstitucionalcronologico202454587\/t-447-05\/\" class=\"_self pt-cv-href-thumbnail pt-cv-thumb-default\" target=\"_self\" ><\/a>\n<div class=\"pt-cv-taxoterm above_title\"><a href='https:\/\/www.dmsjuridica.com\/buscador_20179478954\/corteconstitucionalcronologico202454587\/category\/buscar-en-toda-la-corte\/2005\/tutelas-2005\/' title='Tutelas 2005' class='pt-cv-tax-tutelas-2005'>Tutelas 2005<\/a><\/div>\n<h4 class=\"pt-cv-title\"><a href=\"https:\/\/www.dmsjuridica.com\/buscador_20179478954\/corteconstitucionalcronologico202454587\/t-447-05\/\" class=\"_self\" target=\"_self\" >T-447-05<\/a><\/h4>\n<div class=\"pt-cv-content\">\u00a0 \u00a0 Sentencia T-447\/05 \u00a0 DERECHO A LA PERMANENCIA EN EL SISTEMA EDUCATIVO \u00a0 El Estado, como principal prestador del servicio p\u00fablico de educaci\u00f3n, es \u00a0quien debe desarrollar y adelantar todas las pol\u00edticas y gestiones necesarias para que el acceso a la educaci\u00f3n se haga de la mejor manera posible y su cubrimiento permita asegurar una adecuada prestaci\u00f3n del servicio, en aras de erradicar el analfabetismo del pa\u00eds, con lo cual cumplir\u00eda de paso con los postulados de un Estado social de derecho. A partir de los lineamientos constitucionales ya anotados, y teniendo en cuenta la especial garant\u00eda y protecci\u00f3n ...<br \/><div class=\"pt-cv-rmwrap\"><a href=\"https:\/\/www.dmsjuridica.com\/buscador_20179478954\/corteconstitucionalcronologico202454587\/t-447-05\/\" class=\"_self pt-cv-readmore btn btn-success\" target=\"_self\">Ver Sentencia Completa...<\/a><\/div><\/div><\/div><\/div>\n<div class=\"col-md-12 col-sm-12 col-xs-12 pt-cv-content-item pt-cv-1-col\" ><div class='pt-cv-ifield'><a href=\"https:\/\/www.dmsjuridica.com\/buscador_20179478954\/corteconstitucionalcronologico202454587\/t-446-05\/\" class=\"_self pt-cv-href-thumbnail pt-cv-thumb-default\" target=\"_self\" ><\/a>\n<div class=\"pt-cv-taxoterm above_title\"><a href='https:\/\/www.dmsjuridica.com\/buscador_20179478954\/corteconstitucionalcronologico202454587\/category\/buscar-en-toda-la-corte\/2005\/tutelas-2005\/' title='Tutelas 2005' class='pt-cv-tax-tutelas-2005'>Tutelas 2005<\/a><\/div>\n<h4 class=\"pt-cv-title\"><a href=\"https:\/\/www.dmsjuridica.com\/buscador_20179478954\/corteconstitucionalcronologico202454587\/t-446-05\/\" class=\"_self\" target=\"_self\" >T-446-05<\/a><\/h4>\n<div class=\"pt-cv-content\">\u00a0 \u00a0 Sentencia T-446\/05 \u00a0 MUJER EMBARAZADA-Protecci\u00f3n constitucional especial\u00a0 \u00a0 DERECHO A LA MATERNIDAD-Materializaci\u00f3n de la protecci\u00f3n especial a la mujer \u00a0 LICENCIA DE MATERNIDAD-Asunci\u00f3n de patrono por mora en aportes a EPS \u00a0 LICENCIA DE MATERNIDAD-Pago por allanamiento a la mora por EPS \u00a0 LICENCIA DE MATERNIDAD-Cotizaci\u00f3n de periodo igual al de gestaci\u00f3n para tener derecho al pago \u00a0 LICENCIA DE MATERNIDAD-T\u00e9rmino para solicitar pago dentro del a\u00f1o siguiente al nacimiento del ni\u00f1o \u00a0 Reiteraci\u00f3n de jurisprudencia \u00a0 \u00a0 Referencia: expediente T-1069322 \u00a0 Entidad accionada: EPS Cruz Blanca\u00a0 \u00a0 Magistrado Ponente: \u00a0 Dr. RODRIGO ESCOBAR GIL \u00a0 Bogot\u00e1, D.C., ...<br \/><div class=\"pt-cv-rmwrap\"><a href=\"https:\/\/www.dmsjuridica.com\/buscador_20179478954\/corteconstitucionalcronologico202454587\/t-446-05\/\" class=\"_self pt-cv-readmore btn btn-success\" target=\"_self\">Ver Sentencia Completa...<\/a><\/div><\/div><\/div><\/div>\n<div class=\"col-md-12 col-sm-12 col-xs-12 pt-cv-content-item pt-cv-1-col\" ><div class='pt-cv-ifield'><a href=\"https:\/\/www.dmsjuridica.com\/buscador_20179478954\/corteconstitucionalcronologico202454587\/t-445-05\/\" class=\"_self pt-cv-href-thumbnail pt-cv-thumb-default\" target=\"_self\" ><\/a>\n<div class=\"pt-cv-taxoterm above_title\"><a href='https:\/\/www.dmsjuridica.com\/buscador_20179478954\/corteconstitucionalcronologico202454587\/category\/buscar-en-toda-la-corte\/2005\/tutelas-2005\/' title='Tutelas 2005' class='pt-cv-tax-tutelas-2005'>Tutelas 2005<\/a><\/div>\n<h4 class=\"pt-cv-title\"><a href=\"https:\/\/www.dmsjuridica.com\/buscador_20179478954\/corteconstitucionalcronologico202454587\/t-445-05\/\" class=\"_self\" target=\"_self\" >T-445-05<\/a><\/h4>\n<div class=\"pt-cv-content\">\u00a0 \u00a0 Sentencia T-445\/05 \u00a0 PENSION DE INVALIDEZ-Evaluaci\u00f3n peri\u00f3dica al pensionado \u00a0 PENSION DE INVALIDEZ-Extinci\u00f3n con ocasi\u00f3n de nueva calificaci\u00f3n de la invalidez \u00a0 DERECHO AL TRABAJO-Reubicaci\u00f3n laboral de quien ha dejado de ser invalido no es posible por haberse liquidado la empresa \u00a0 -Reiteraci\u00f3n de jurisprudencia- \u00a0 Referencia: expediente T-976924. \u00a0 Demandado: Grupo Interno de Trabajo para la Gesti\u00f3n del Pasivo Social de Puertos de Colombia del Ministerio de Protecci\u00f3n Social y la Junta Nacional de Calificaci\u00f3n de Invalidez. \u00a0 Magistrado Ponente:\u00a0 \u00a0 Dr. RODRIGO ESCOBAR GIL \u00a0 Bogot\u00e1, D.C., veintinueve (29) de abril de dos mil cinco (2005) ...<br \/><div class=\"pt-cv-rmwrap\"><a href=\"https:\/\/www.dmsjuridica.com\/buscador_20179478954\/corteconstitucionalcronologico202454587\/t-445-05\/\" class=\"_self pt-cv-readmore btn btn-success\" target=\"_self\">Ver Sentencia Completa...<\/a><\/div><\/div><\/div><\/div>\n<div class=\"col-md-12 col-sm-12 col-xs-12 pt-cv-content-item pt-cv-1-col\" ><div class='pt-cv-ifield'><a href=\"https:\/\/www.dmsjuridica.com\/buscador_20179478954\/corteconstitucionalcronologico202454587\/t-444-05\/\" class=\"_self pt-cv-href-thumbnail pt-cv-thumb-default\" target=\"_self\" ><\/a>\n<div class=\"pt-cv-taxoterm above_title\"><a href='https:\/\/www.dmsjuridica.com\/buscador_20179478954\/corteconstitucionalcronologico202454587\/category\/buscar-en-toda-la-corte\/2005\/tutelas-2005\/' title='Tutelas 2005' class='pt-cv-tax-tutelas-2005'>Tutelas 2005<\/a><\/div>\n<h4 class=\"pt-cv-title\"><a href=\"https:\/\/www.dmsjuridica.com\/buscador_20179478954\/corteconstitucionalcronologico202454587\/t-444-05\/\" class=\"_self\" target=\"_self\" >T-444-05<\/a><\/h4>\n<div class=\"pt-cv-content\">\u00a0 \u00a0 Sentencia T-444\/05 \u00a0 DERECHO A LA SALUD-Fundamental por conexidad \u00a0 INAPLICACION DE NORMAS DEL PLAN OBLIGATORIO DE SALUD-Hip\u00f3tesis f\u00e1cticas que la determinan \u00a0 Referencia: expediente T-1011671 \u00a0 Accionante: Aura Mar\u00eda Vargas Trocha \u00a0 Demandado: SaludCoop EPS \u00a0 Magistrado Ponente:\u00a0 \u00a0 Dr. RODRIGO ESCOBAR GIL \u00a0 Bogot\u00e1, D.C., veintinueve (29) de abril de dos mil cinco (2005). \u00a0 La Sala Quinta de Revisi\u00f3n de la Corte Constitucional, integrada por los Magistrados Rodrigo Escobar Gil - Presidente -, Marco Gerardo Monroy Cabra y Humberto Antonio Sierra Porto, en ejercicio de sus competencias constitucionales y legales, ha pronunciado la siguiente, \u00a0 ...<br \/><div class=\"pt-cv-rmwrap\"><a href=\"https:\/\/www.dmsjuridica.com\/buscador_20179478954\/corteconstitucionalcronologico202454587\/t-444-05\/\" class=\"_self pt-cv-readmore btn btn-success\" target=\"_self\">Ver Sentencia Completa...<\/a><\/div><\/div><\/div><\/div>\n<div class=\"col-md-12 col-sm-12 col-xs-12 pt-cv-content-item pt-cv-1-col\" ><div class='pt-cv-ifield'><a href=\"https:\/\/www.dmsjuridica.com\/buscador_20179478954\/corteconstitucionalcronologico202454587\/t-443-05\/\" class=\"_self pt-cv-href-thumbnail pt-cv-thumb-default\" target=\"_self\" ><\/a>\n<div class=\"pt-cv-taxoterm above_title\"><a href='https:\/\/www.dmsjuridica.com\/buscador_20179478954\/corteconstitucionalcronologico202454587\/category\/buscar-en-toda-la-corte\/2005\/tutelas-2005\/' title='Tutelas 2005' class='pt-cv-tax-tutelas-2005'>Tutelas 2005<\/a><\/div>\n<h4 class=\"pt-cv-title\"><a href=\"https:\/\/www.dmsjuridica.com\/buscador_20179478954\/corteconstitucionalcronologico202454587\/t-443-05\/\" class=\"_self\" target=\"_self\" >T-443-05<\/a><\/h4>\n<div class=\"pt-cv-content\">\u00a0 \u00a0 Sentencia T-443\/05 \u00a0 ACCION DE TUTELA-Procedencia excepcional para evitar perjuicio irremediable \u00a0 ACCION DE TUTELA-Improcedencia para solicitar pensi\u00f3n de jubilaci\u00f3n por no existir perjuicio irremediable \u00a0 -Reiteraci\u00f3n de jurisprudencia- \u00a0 Referencia: expediente T-969491. \u00a0 Demandante: Mar\u00eda Raquel Rosales Lermas.\u00a0 \u00a0 Demandado: Seguro Social, Seccional Atl\u00e1ntico. \u00a0 Magistrado Ponente:\u00a0 \u00a0 Dr. RODRIGO ESCOBAR GIL \u00a0 Bogot\u00e1, D.C., veintinueve (29) de abril de dos mil cinco (2005). \u00a0 La Sala Quinta de Revisi\u00f3n de la Corte Constitucional, integrada por los Magistrados Rodrigo Escobar Gil, Marco Gerardo Monroy Cabra y Humberto Antonio Sierra Porto, en ejercicio de sus competencias constitucionales y ...<br \/><div class=\"pt-cv-rmwrap\"><a href=\"https:\/\/www.dmsjuridica.com\/buscador_20179478954\/corteconstitucionalcronologico202454587\/t-443-05\/\" class=\"_self pt-cv-readmore btn btn-success\" target=\"_self\">Ver Sentencia Completa...<\/a><\/div><\/div><\/div><\/div>\n<div class=\"col-md-12 col-sm-12 col-xs-12 pt-cv-content-item pt-cv-1-col\" ><div class='pt-cv-ifield'><a href=\"https:\/\/www.dmsjuridica.com\/buscador_20179478954\/corteconstitucionalcronologico202454587\/t-442-05\/\" class=\"_self pt-cv-href-thumbnail pt-cv-thumb-default\" target=\"_self\" ><\/a>\n<div class=\"pt-cv-taxoterm above_title\"><a href='https:\/\/www.dmsjuridica.com\/buscador_20179478954\/corteconstitucionalcronologico202454587\/category\/buscar-en-toda-la-corte\/2005\/tutelas-2005\/' title='Tutelas 2005' class='pt-cv-tax-tutelas-2005'>Tutelas 2005<\/a><\/div>\n<h4 class=\"pt-cv-title\"><a href=\"https:\/\/www.dmsjuridica.com\/buscador_20179478954\/corteconstitucionalcronologico202454587\/t-442-05\/\" class=\"_self\" target=\"_self\" >T-442-05<\/a><\/h4>\n<div class=\"pt-cv-content\">\u00a0 \u00a0 Sentencia T-442\/05 \u00a0 ACCION DE TUTELA CONTRA PROVIDENCIAS JUDICIALES-Procedencia excepcional por v\u00eda de hecho\u00a0 \u00a0 VIA DE HECHO-Clases de defectos\u00a0 \u00a0 ACCION DE TUTELA CONTRA PROVIDENCIAS JUDICIALES-Requisitos de procedencia \u00a0 VIA DE HECHO-No se respet\u00f3 el precedente\u00a0 \u00a0 Referencia: expediente T-1030620 \u00a0 Acci\u00f3n de tutela instaurada por Arturo Hern\u00e1ndez Tole contra el Tribunal Superior del Distrito Judicial de Ibagu\u00e9 \u2013Sala Civil Familia-.\u00a0 \u00a0 Magistrado Ponente: \u00a0 Dr. JAIME C\u00d3RDOBA TRIVI\u00d1O \u00a0 Bogot\u00e1, D.C., veintinueve (29) de abril de dos mil cinco (2005).\u00a0 \u00a0 La Sala Cuarta de Revisi\u00f3n de la Corte Constitucional, integrada por los magistrados Jaime C\u00f3rdoba ...<br \/><div class=\"pt-cv-rmwrap\"><a href=\"https:\/\/www.dmsjuridica.com\/buscador_20179478954\/corteconstitucionalcronologico202454587\/t-442-05\/\" class=\"_self pt-cv-readmore btn btn-success\" target=\"_self\">Ver Sentencia Completa...<\/a><\/div><\/div><\/div><\/div>\n<div class=\"col-md-12 col-sm-12 col-xs-12 pt-cv-content-item pt-cv-1-col\" ><div class='pt-cv-ifield'><a href=\"https:\/\/www.dmsjuridica.com\/buscador_20179478954\/corteconstitucionalcronologico202454587\/t-441-05\/\" class=\"_self pt-cv-href-thumbnail pt-cv-thumb-default\" target=\"_self\" ><\/a>\n<div class=\"pt-cv-taxoterm above_title\"><a href='https:\/\/www.dmsjuridica.com\/buscador_20179478954\/corteconstitucionalcronologico202454587\/category\/buscar-en-toda-la-corte\/2005\/tutelas-2005\/' title='Tutelas 2005' class='pt-cv-tax-tutelas-2005'>Tutelas 2005<\/a><\/div>\n<h4 class=\"pt-cv-title\"><a href=\"https:\/\/www.dmsjuridica.com\/buscador_20179478954\/corteconstitucionalcronologico202454587\/t-441-05\/\" class=\"_self\" target=\"_self\" >T-441-05<\/a><\/h4>\n<div class=\"pt-cv-content\">\u00a0 \u00a0 Sentencia T-441\/05 \u00a0 DERECHO A LA SALUD DE PERSONA DE LA TERCERA EDAD-Fundamental aut\u00f3nomo\u00a0 \u00a0 La jurisprudencia ha se\u00f1alado que en el caso de las personas de la tercera edad, esos derechos se tornan fundamentales de manera aut\u00f3noma en virtud de la especial protecci\u00f3n que la Carta Pol\u00edtica da a las personas que se encuentran en dichas circunstancias, dadas sus caracter\u00edsticas de especial vulnerabilidad y su particular conexidad en ese evento con los derechos a la vida y a la dignidad humana. \u00a0 DERECHO A LA SALUD DE PERSONA DE LA TERCERA EDAD-Vulneraci\u00f3n por la ARS por no ...<br \/><div class=\"pt-cv-rmwrap\"><a href=\"https:\/\/www.dmsjuridica.com\/buscador_20179478954\/corteconstitucionalcronologico202454587\/t-441-05\/\" class=\"_self pt-cv-readmore btn btn-success\" target=\"_self\">Ver Sentencia Completa...<\/a><\/div><\/div><\/div><\/div>\n<div class=\"col-md-12 col-sm-12 col-xs-12 pt-cv-content-item pt-cv-1-col\" ><div class='pt-cv-ifield'><a href=\"https:\/\/www.dmsjuridica.com\/buscador_20179478954\/corteconstitucionalcronologico202454587\/t-440-05\/\" class=\"_self pt-cv-href-thumbnail pt-cv-thumb-default\" target=\"_self\" ><\/a>\n<div class=\"pt-cv-taxoterm above_title\"><a href='https:\/\/www.dmsjuridica.com\/buscador_20179478954\/corteconstitucionalcronologico202454587\/category\/buscar-en-toda-la-corte\/2005\/tutelas-2005\/' title='Tutelas 2005' class='pt-cv-tax-tutelas-2005'>Tutelas 2005<\/a><\/div>\n<h4 class=\"pt-cv-title\"><a href=\"https:\/\/www.dmsjuridica.com\/buscador_20179478954\/corteconstitucionalcronologico202454587\/t-440-05\/\" class=\"_self\" target=\"_self\" >T-440-05<\/a><\/h4>\n<div class=\"pt-cv-content\">\u00a0 \u00a0 Sentencia T-440\/05 \u00a0 INAPLICACION DE NORMAS DEL PLAN OBLIGATORIO DE SALUD-Hip\u00f3tesis f\u00e1cticas que la determinan \u00a0 COMITE TECNICO CIENTIFICO Y MEDICO TRATANTE-En conflictos sobre medicamentos prevalecen los que ha ordenado el m\u00e9dico \u00a0 DERECHO A LA SALUD-Suministro de medicamento para aliviar enfermedad \u00a0 Reiteraci\u00f3n de jurisprudencia \u00a0 Referencia: expediente T-997166 \u00a0 Acci\u00f3n de tutela interpuesta por Ramiro Humberto Farf\u00e1n Orozco contra Salud Total E.P.S. \u00a0 Magistrado Ponente: \u00a0 Dr. JAIME C\u00d3RDOBA TRIVI\u00d1O \u00a0 Bogot\u00e1, D.C., veintinueve (29) de abril de dos mil cinco (2005). \u00a0 La Sala Cuarta de Revisi\u00f3n de la Corte Constitucional, en ejercicio de sus ...<br \/><div class=\"pt-cv-rmwrap\"><a href=\"https:\/\/www.dmsjuridica.com\/buscador_20179478954\/corteconstitucionalcronologico202454587\/t-440-05\/\" class=\"_self pt-cv-readmore btn btn-success\" target=\"_self\">Ver Sentencia Completa...<\/a><\/div><\/div><\/div><\/div>\n<div class=\"col-md-12 col-sm-12 col-xs-12 pt-cv-content-item pt-cv-1-col\" ><div class='pt-cv-ifield'><a href=\"https:\/\/www.dmsjuridica.com\/buscador_20179478954\/corteconstitucionalcronologico202454587\/t-439-05\/\" class=\"_self pt-cv-href-thumbnail pt-cv-thumb-default\" target=\"_self\" ><\/a>\n<div class=\"pt-cv-taxoterm above_title\"><a href='https:\/\/www.dmsjuridica.com\/buscador_20179478954\/corteconstitucionalcronologico202454587\/category\/buscar-en-toda-la-corte\/2005\/tutelas-2005\/' title='Tutelas 2005' class='pt-cv-tax-tutelas-2005'>Tutelas 2005<\/a><\/div>\n<h4 class=\"pt-cv-title\"><a href=\"https:\/\/www.dmsjuridica.com\/buscador_20179478954\/corteconstitucionalcronologico202454587\/t-439-05\/\" class=\"_self\" target=\"_self\" >T-439-05<\/a><\/h4>\n<div class=\"pt-cv-content\">\u00a0 \u00a0 Sentencia T-439\/05 \u00a0 DERECHO DE PETICION-Contenido y alcance \u00a0 JUEZ CONSTITUCIONAL-Fallo ultra y extra petita\u00a0 \u00a0 DERECHO A LA SALUD-Fundamental por conexidad con la vida\u00a0 \u00a0 INAPLICACION DE NORMAS DEL PLAN OBLIGATORIO DE SALUD-Hip\u00f3tesis f\u00e1ctica que la determinan\u00a0 \u00a0 Referencia: expediente T-989871 \u00a0 Acci\u00f3n de tutela interpuesta por Jorge Arlison Casta\u00f1o Giraldo contra Saludcoop E.P.S. \u00a0 Magistrado Ponente: \u00a0 Dr. JAIME C\u00d3RDOBA TRIVI\u00d1O \u00a0 Bogot\u00e1, D.C., veintinueve (29) de abril de dos mil cinco (2005). \u00a0 La Sala Cuarta de Revisi\u00f3n de la Corte Constitucional, en ejercicio de sus competencias constitucionales y legales, espec\u00edficamente las previstas en los ...<br \/><div class=\"pt-cv-rmwrap\"><a href=\"https:\/\/www.dmsjuridica.com\/buscador_20179478954\/corteconstitucionalcronologico202454587\/t-439-05\/\" class=\"_self pt-cv-readmore btn btn-success\" target=\"_self\">Ver Sentencia Completa...<\/a><\/div><\/div><\/div><\/div>\n<div class=\"col-md-12 col-sm-12 col-xs-12 pt-cv-content-item pt-cv-1-col\" ><div class='pt-cv-ifield'><a href=\"https:\/\/www.dmsjuridica.com\/buscador_20179478954\/corteconstitucionalcronologico202454587\/t-438-05\/\" class=\"_self pt-cv-href-thumbnail pt-cv-thumb-default\" target=\"_self\" ><\/a>\n<div class=\"pt-cv-taxoterm above_title\"><a href='https:\/\/www.dmsjuridica.com\/buscador_20179478954\/corteconstitucionalcronologico202454587\/category\/buscar-en-toda-la-corte\/2005\/tutelas-2005\/' title='Tutelas 2005' class='pt-cv-tax-tutelas-2005'>Tutelas 2005<\/a><\/div>\n<h4 class=\"pt-cv-title\"><a href=\"https:\/\/www.dmsjuridica.com\/buscador_20179478954\/corteconstitucionalcronologico202454587\/t-438-05\/\" class=\"_self\" target=\"_self\" >T-438-05<\/a><\/h4>\n<div class=\"pt-cv-content\">\u00a0 \u00a0 Sentencia T-438\/05 \u00a0 ACCION DE TUTELA CONTRA PROVIDENCIAS JUDICIALES-Procedencia excepcional \u00a0 VIA DE HECHO EN PROCESO DISCIPLINARIO POR DEFECTO FACTICO Y SUSTANTIVO-No valoraci\u00f3n apropiada de las pruebas y no individualizaci\u00f3n de la conducta \u00a0 Referencia: expediente T-875580 \u00a0 Accionante: Alberto Vergara Molano\u00a0 \u00a0 Demandado: Sala Jurisdiccional Disciplinaria del Consejo Superior de la Judicatura\u00a0 \u00a0 Magistrado Ponente:\u00a0 \u00a0 Dr. RODRIGO ESCOBAR GIL \u00a0 Bogot\u00e1, D.C., veintiocho \u00a0(28) de abril de dos mil cinco (2005). \u00a0 La Sala Quinta de Revisi\u00f3n de la Corte Constitucional, integrada por los Magistrados Rodrigo Escobar Gil, Marco Gerardo Monroy Cabra y Humberto Antonio Sierra ...<br \/><div class=\"pt-cv-rmwrap\"><a href=\"https:\/\/www.dmsjuridica.com\/buscador_20179478954\/corteconstitucionalcronologico202454587\/t-438-05\/\" class=\"_self pt-cv-readmore btn btn-success\" target=\"_self\">Ver Sentencia Completa...<\/a><\/div><\/div><\/div><\/div>\n<div class=\"col-md-12 col-sm-12 col-xs-12 pt-cv-content-item pt-cv-1-col\" ><div class='pt-cv-ifield'><a href=\"https:\/\/www.dmsjuridica.com\/buscador_20179478954\/corteconstitucionalcronologico202454587\/t-437-05\/\" class=\"_self pt-cv-href-thumbnail pt-cv-thumb-default\" target=\"_self\" ><\/a>\n<div class=\"pt-cv-taxoterm above_title\"><a href='https:\/\/www.dmsjuridica.com\/buscador_20179478954\/corteconstitucionalcronologico202454587\/category\/buscar-en-toda-la-corte\/2005\/tutelas-2005\/' title='Tutelas 2005' class='pt-cv-tax-tutelas-2005'>Tutelas 2005<\/a><\/div>\n<h4 class=\"pt-cv-title\"><a href=\"https:\/\/www.dmsjuridica.com\/buscador_20179478954\/corteconstitucionalcronologico202454587\/t-437-05\/\" class=\"_self\" target=\"_self\" >T-437-05<\/a><\/h4>\n<div class=\"pt-cv-content\">\u00a0 \u00a0 Sentencia T-437\/05 \u00a0 ACCION DE TUTELA-Medio de defensa id\u00f3neo para proteger derechos fundamentales de alumno expulsado de colegio \u00a0 REGLAMENTO ESTUDIANTIL-Debe observar normas constitucionales\/PROCESO SANCIONATORIO A MENOR DE EDAD-Deber de las directivas del colegio de respetar el debido proceso\u00a0 \u00a0 El derecho al debido proceso constituye una aplicaci\u00f3n del principio de legalidad dentro de un proceso sancionatorio al interior de un establecimiento educativo, que busca garantizar que la actividad de las autoridades educativas siga el conjunto de reglas procesales establecidas de antemano, brindando a los educandos seguridad frente a las mismas. No sobra advertir que hace tambi\u00e9n parte ...<br \/><div class=\"pt-cv-rmwrap\"><a href=\"https:\/\/www.dmsjuridica.com\/buscador_20179478954\/corteconstitucionalcronologico202454587\/t-437-05\/\" class=\"_self pt-cv-readmore btn btn-success\" target=\"_self\">Ver Sentencia Completa...<\/a><\/div><\/div><\/div><\/div>\n<div class=\"col-md-12 col-sm-12 col-xs-12 pt-cv-content-item pt-cv-1-col\" ><div class='pt-cv-ifield'><a href=\"https:\/\/www.dmsjuridica.com\/buscador_20179478954\/corteconstitucionalcronologico202454587\/t-436-05\/\" class=\"_self pt-cv-href-thumbnail pt-cv-thumb-default\" target=\"_self\" ><\/a>\n<div class=\"pt-cv-taxoterm above_title\"><a href='https:\/\/www.dmsjuridica.com\/buscador_20179478954\/corteconstitucionalcronologico202454587\/category\/buscar-en-toda-la-corte\/2005\/tutelas-2005\/' title='Tutelas 2005' class='pt-cv-tax-tutelas-2005'>Tutelas 2005<\/a><\/div>\n<h4 class=\"pt-cv-title\"><a href=\"https:\/\/www.dmsjuridica.com\/buscador_20179478954\/corteconstitucionalcronologico202454587\/t-436-05\/\" class=\"_self\" target=\"_self\" >T-436-05<\/a><\/h4>\n<div class=\"pt-cv-content\">\u00a0 \u00a0 Sentencia T-436\/05 \u00a0 PENSION DE INVALIDEZ-Evaluaci\u00f3n peri\u00f3dica al pensionado\u00a0 \u00a0 DEBIDO PROCESO-Vulneraci\u00f3n por la junta nacional de calificaci\u00f3n de invalidez\u00a0 \u00a0 ACTO ADMINISTRATIVO DE EXTINCION DE PENSION DE INVALIDEZ-Carece de fuerza ejecutoria al desaparecer el supuesto de hecho indispensable para su vigencia\u00a0 \u00a0 Referencia: expediente T-968153 \u00a0 Acci\u00f3n de tutela instaurada por Jos\u00e9 Vicente D\u00edaz Loaiza contra la Junta Nacional de Calificaci\u00f3n de Invalidez. \u00a0 Magistrada Ponente: \u00a0 Dra. CLARA IN\u00c9S VARGAS HERN\u00c1NDEZ \u00a0 Bogot\u00e1, D.C., \u00a0veintiocho (28) de abril de dos mil cinco (2005). \u00a0 La Sala Novena de Revisi\u00f3n de Tutelas de la Corte Constitucional, conformada ...<br \/><div class=\"pt-cv-rmwrap\"><a href=\"https:\/\/www.dmsjuridica.com\/buscador_20179478954\/corteconstitucionalcronologico202454587\/t-436-05\/\" class=\"_self pt-cv-readmore btn btn-success\" target=\"_self\">Ver Sentencia Completa...<\/a><\/div><\/div><\/div><\/div>\n<div class=\"col-md-12 col-sm-12 col-xs-12 pt-cv-content-item pt-cv-1-col\" ><div class='pt-cv-ifield'><a href=\"https:\/\/www.dmsjuridica.com\/buscador_20179478954\/corteconstitucionalcronologico202454587\/t-435-05\/\" class=\"_self pt-cv-href-thumbnail pt-cv-thumb-default\" target=\"_self\" ><\/a>\n<div class=\"pt-cv-taxoterm above_title\"><a href='https:\/\/www.dmsjuridica.com\/buscador_20179478954\/corteconstitucionalcronologico202454587\/category\/buscar-en-toda-la-corte\/2005\/tutelas-2005\/' title='Tutelas 2005' class='pt-cv-tax-tutelas-2005'>Tutelas 2005<\/a><\/div>\n<h4 class=\"pt-cv-title\"><a href=\"https:\/\/www.dmsjuridica.com\/buscador_20179478954\/corteconstitucionalcronologico202454587\/t-435-05\/\" class=\"_self\" target=\"_self\" >T-435-05<\/a><\/h4>\n<div class=\"pt-cv-content\">\u00a0 \u00a0 Sentencia T-435\/05 \u00a0 ACCION DE TUTELA-Hecho superado no obsta para que la Corte se pronuncie y unifique jurisprudencia\u00a0 \u00a0 ACCION DE TUTELA-R\u00e9gimen de procedibilidad contra actos administrativos \u00a0 ACCION DE TUTELA CONTRA ACTO ADMINISTRATIVO-Procedencia excepcional cuando amenaza derechos fundamentales\/ACCION DE TUTELA CONTRA ACTO ADMINISTRATIVO-Mecanismo transitorio para evitar perjuicio irremediable\/ACCION DE TUTELA CONTRA ACTO ADMINISTRATIVO-Mecanismo excepcional y subsidiario\u00a0 \u00a0 SUSPENSION PROVISIONAL E INAPLICACION DE ACTO ADMINISTRATIVO EN MATERIA DE TUTELA-Prevalencia de tutela \u00a0 DERECHO AL DEPORTE, RECREACION Y APROVECHAMIENTO DEL TIEMPO LIBRE-Fundamental por conexidad con otros derechos de este rango\u00a0 \u00a0 En el nuevo orden constitucional, la pr\u00e1ctica del ...<br \/><div class=\"pt-cv-rmwrap\"><a href=\"https:\/\/www.dmsjuridica.com\/buscador_20179478954\/corteconstitucionalcronologico202454587\/t-435-05\/\" class=\"_self pt-cv-readmore btn btn-success\" target=\"_self\">Ver Sentencia Completa...<\/a><\/div><\/div><\/div><\/div>\n<div class=\"col-md-12 col-sm-12 col-xs-12 pt-cv-content-item pt-cv-1-col\" ><div class='pt-cv-ifield'><a href=\"https:\/\/www.dmsjuridica.com\/buscador_20179478954\/corteconstitucionalcronologico202454587\/t-434-05\/\" class=\"_self pt-cv-href-thumbnail pt-cv-thumb-default\" target=\"_self\" ><\/a>\n<div class=\"pt-cv-taxoterm above_title\"><a href='https:\/\/www.dmsjuridica.com\/buscador_20179478954\/corteconstitucionalcronologico202454587\/category\/buscar-en-toda-la-corte\/2005\/tutelas-2005\/' title='Tutelas 2005' class='pt-cv-tax-tutelas-2005'>Tutelas 2005<\/a><\/div>\n<h4 class=\"pt-cv-title\"><a href=\"https:\/\/www.dmsjuridica.com\/buscador_20179478954\/corteconstitucionalcronologico202454587\/t-434-05\/\" class=\"_self\" target=\"_self\" >T-434-05<\/a><\/h4>\n<div class=\"pt-cv-content\">\u00a0 \u00a0 Sentencia T-434\/05 \u00a0 DERECHO DE PETICION EN MATERIA PENSIONAL-Falta de decisi\u00f3n de fondo amenaza m\u00ednimo vital\u00a0 \u00a0 DERECHO DE PETICION EN MATERIA PENSIONAL-T\u00e9rminos para resolver \u00a0 Referencia: expediente T-1060640 \u00a0 Actor: Luis Alfonso S\u00e1nchez Mej\u00eda \u00a0 Procedencia: Juzgado Primero Civil del Circuito de San Gil \u00a0 Magistrado Ponente:\u00a0 \u00a0 Dr. MARCO GERARDO MONROY CABRA \u00a0 Bogot\u00e1 D.C., veintiocho (28) de abril de dos mil cinco (2005) \u00a0 La Sala Sexta de Revisi\u00f3n de la Corte Constitucional, integrada por los Magistrados doctores, Humberto Antonio Sierra Porto, \u00c1lvaro Tafur Galvis y Marco Gerardo Monroy Cabra, quien la preside, en ejercicio ...<br \/><div class=\"pt-cv-rmwrap\"><a href=\"https:\/\/www.dmsjuridica.com\/buscador_20179478954\/corteconstitucionalcronologico202454587\/t-434-05\/\" class=\"_self pt-cv-readmore btn btn-success\" target=\"_self\">Ver Sentencia Completa...<\/a><\/div><\/div><\/div><\/div>\n<div class=\"col-md-12 col-sm-12 col-xs-12 pt-cv-content-item pt-cv-1-col\" ><div class='pt-cv-ifield'><a href=\"https:\/\/www.dmsjuridica.com\/buscador_20179478954\/corteconstitucionalcronologico202454587\/t-433-05\/\" class=\"_self pt-cv-href-thumbnail pt-cv-thumb-default\" target=\"_self\" ><\/a>\n<div class=\"pt-cv-taxoterm above_title\"><a href='https:\/\/www.dmsjuridica.com\/buscador_20179478954\/corteconstitucionalcronologico202454587\/category\/buscar-en-toda-la-corte\/2005\/tutelas-2005\/' title='Tutelas 2005' class='pt-cv-tax-tutelas-2005'>Tutelas 2005<\/a><\/div>\n<h4 class=\"pt-cv-title\"><a href=\"https:\/\/www.dmsjuridica.com\/buscador_20179478954\/corteconstitucionalcronologico202454587\/t-433-05\/\" class=\"_self\" target=\"_self\" >T-433-05<\/a><\/h4>\n<div class=\"pt-cv-content\">\u00a0 \u00a0 Sentencia T-433\/05 \u00a0 ACCION DE TUTELA-Procedencia excepcional para reconocimiento de acreencias laborales \u00a0 ACCION DE TUTELA-Improcedencia por no cumplir con los par\u00e1metros jurisprudenciales \u00a0 Referencia: expediente T-1002246 \u00a0 Accionante: Lida Andrea Vivas Saavedra\u00a0 \u00a0 Accionado: Impulsemos Empresa Asociativa de Trabajo E.A.T.\u00a0 \u00a0 \u00a0 \u00a0 Magistrado Ponente:\u00a0 \u00a0 Dr. MARCO GERARDO MONROY CABRA \u00a0 Bogot\u00e1, D. C., veintiocho (28) de abril de dos mil cinco (2005). \u00a0 La Sala Sexta de Revisi\u00f3n de la Corte Constitucional, integrada por los Magistrados Humberto Antonio Sierra Porto, \u00c1lvaro Tafur Galvis y Marco Gerardo Monroy Cabra, quien la preside, en ejercicio de sus ...<br \/><div class=\"pt-cv-rmwrap\"><a href=\"https:\/\/www.dmsjuridica.com\/buscador_20179478954\/corteconstitucionalcronologico202454587\/t-433-05\/\" class=\"_self pt-cv-readmore btn btn-success\" target=\"_self\">Ver Sentencia Completa...<\/a><\/div><\/div><\/div><\/div>\n<div class=\"col-md-12 col-sm-12 col-xs-12 pt-cv-content-item pt-cv-1-col\" ><div class='pt-cv-ifield'><a href=\"https:\/\/www.dmsjuridica.com\/buscador_20179478954\/corteconstitucionalcronologico202454587\/t-432-05\/\" class=\"_self pt-cv-href-thumbnail pt-cv-thumb-default\" target=\"_self\" ><\/a>\n<div class=\"pt-cv-taxoterm above_title\"><a href='https:\/\/www.dmsjuridica.com\/buscador_20179478954\/corteconstitucionalcronologico202454587\/category\/buscar-en-toda-la-corte\/2005\/tutelas-2005\/' title='Tutelas 2005' class='pt-cv-tax-tutelas-2005'>Tutelas 2005<\/a><\/div>\n<h4 class=\"pt-cv-title\"><a href=\"https:\/\/www.dmsjuridica.com\/buscador_20179478954\/corteconstitucionalcronologico202454587\/t-432-05\/\" class=\"_self\" target=\"_self\" >T-432-05<\/a><\/h4>\n<div class=\"pt-cv-content\">\u00a0 \u00a0 Sentencia T-432\/05 \u00a0 ACCION DE TUTELA-Procedencia excepcional para reconocimiento de derechos pensionales \u00a0 ACCION DE TUTELA-Requisitos de procedencia excepcional para el reconocimiento de derechos pensionales \u00a0 Referencia: expediente T-1038471 \u00a0 Peticionario: Rub\u00e9n Dar\u00edo Machado Renter\u00eda \u00a0 Accionado: Caja Nacional de Previsi\u00f3n, Seccional Choc\u00f3 \u00a0 Magistrado Ponente:\u00a0 \u00a0 Dr. MARCO GERARDO MONROY CABRA \u00a0 La Sala Sexta de la Corte Constitucional, integrada por los Magistrados Humberto Antonio Sierra Porto, \u00c1lvaro Tafur Galvis y Marco Gerardo Monroy Cabra, quien la preside, \u00a0en ejercicio de sus competencias constitucionales y legales ha pronunciado la siguiente\u00a0 \u00a0 SENTENCIA \u00a0 En el proceso de ...<br \/><div class=\"pt-cv-rmwrap\"><a href=\"https:\/\/www.dmsjuridica.com\/buscador_20179478954\/corteconstitucionalcronologico202454587\/t-432-05\/\" class=\"_self pt-cv-readmore btn btn-success\" target=\"_self\">Ver Sentencia Completa...<\/a><\/div><\/div><\/div><\/div>\n<div class=\"col-md-12 col-sm-12 col-xs-12 pt-cv-content-item pt-cv-1-col\" ><div class='pt-cv-ifield'><a href=\"https:\/\/www.dmsjuridica.com\/buscador_20179478954\/corteconstitucionalcronologico202454587\/t-431-05\/\" class=\"_self pt-cv-href-thumbnail pt-cv-thumb-default\" target=\"_self\" ><\/a>\n<div class=\"pt-cv-taxoterm above_title\"><a href='https:\/\/www.dmsjuridica.com\/buscador_20179478954\/corteconstitucionalcronologico202454587\/category\/buscar-en-toda-la-corte\/2005\/tutelas-2005\/' title='Tutelas 2005' class='pt-cv-tax-tutelas-2005'>Tutelas 2005<\/a><\/div>\n<h4 class=\"pt-cv-title\"><a href=\"https:\/\/www.dmsjuridica.com\/buscador_20179478954\/corteconstitucionalcronologico202454587\/t-431-05\/\" class=\"_self\" target=\"_self\" >T-431-05<\/a><\/h4>\n<div class=\"pt-cv-content\">\u00a0 \u00a0 Sentencia T-431\/05 \u00a0 DEBIDO PROCESO ADMINISTRATIVO-Producci\u00f3n correcta de actos administrativos \u00a0 PROPIEDAD PRIVADA-Funci\u00f3n social \u00a0 La propiedad privada ha sido reconocida no solo como un derecho sino como una funci\u00f3n social que implica obligaciones, y en esa medida el ordenamiento jur\u00eddico garantiza, no solo su n\u00facleo esencial, sino su funci\u00f3n social y ecol\u00f3gica, que permite consolidar los derechos del propietario con las necesidades de la colectividad, debidamente fundamentadas. Esa funci\u00f3n social se extiende a la obligaci\u00f3n por parte del Estado de garantizar el pleno ejercicio del derecho a la propiedad. Es por ello que la misma se protege ...<br \/><div class=\"pt-cv-rmwrap\"><a href=\"https:\/\/www.dmsjuridica.com\/buscador_20179478954\/corteconstitucionalcronologico202454587\/t-431-05\/\" class=\"_self pt-cv-readmore btn btn-success\" target=\"_self\">Ver Sentencia Completa...<\/a><\/div><\/div><\/div><\/div>\n<div class=\"col-md-12 col-sm-12 col-xs-12 pt-cv-content-item pt-cv-1-col\" ><div class='pt-cv-ifield'><a href=\"https:\/\/www.dmsjuridica.com\/buscador_20179478954\/corteconstitucionalcronologico202454587\/t-430-05\/\" class=\"_self pt-cv-href-thumbnail pt-cv-thumb-default\" target=\"_self\" ><\/a>\n<div class=\"pt-cv-taxoterm above_title\"><a href='https:\/\/www.dmsjuridica.com\/buscador_20179478954\/corteconstitucionalcronologico202454587\/category\/buscar-en-toda-la-corte\/2005\/tutelas-2005\/' title='Tutelas 2005' class='pt-cv-tax-tutelas-2005'>Tutelas 2005<\/a><\/div>\n<h4 class=\"pt-cv-title\"><a href=\"https:\/\/www.dmsjuridica.com\/buscador_20179478954\/corteconstitucionalcronologico202454587\/t-430-05\/\" class=\"_self\" target=\"_self\" >T-430-05<\/a><\/h4>\n<div class=\"pt-cv-content\">\u00a0 \u00a0 Sentencia T-430\/05 \u00a0 DERECHO A LA SALUD-Fundamental por conexidad con la vida digna \u00a0 ENFERMEDADES CATASTROFICAS O RUINOSAS-Periodo m\u00ednimo de cotizaci\u00f3n o costos del pago compartido no es extensivo a casos de urgencia o gravedad \u00a0 DERECHO A LA CONTINUIDAD EN EL SERVICIO DE SALUD-Traslado de EPS no puede suponer la suspensi\u00f3n del servicio m\u00e9dico \u00a0 Referencia: expediente T-1059769 \u00a0 Acci\u00f3n de tutela instaurada por la se\u00f1ora Blanca Elisa Vasquez de Rodr\u00edguez, contra el Hospital Militar Central de Bogot\u00e1. \u00a0 Procedencia: Tribunal Superior del Distrito Judicial de Bogot\u00e1. \u00a0 Magistrado Ponente: \u00a0 \u00a0Dr. ALFREDO BELTRAN SIERRA \u00a0 Bogot\u00e1 ...<br \/><div class=\"pt-cv-rmwrap\"><a href=\"https:\/\/www.dmsjuridica.com\/buscador_20179478954\/corteconstitucionalcronologico202454587\/t-430-05\/\" class=\"_self pt-cv-readmore btn btn-success\" target=\"_self\">Ver Sentencia Completa...<\/a><\/div><\/div><\/div><\/div>\n<div class=\"col-md-12 col-sm-12 col-xs-12 pt-cv-content-item pt-cv-1-col\" ><div class='pt-cv-ifield'><a href=\"https:\/\/www.dmsjuridica.com\/buscador_20179478954\/corteconstitucionalcronologico202454587\/t-429-05\/\" class=\"_self pt-cv-href-thumbnail pt-cv-thumb-default\" target=\"_self\" ><\/a>\n<div class=\"pt-cv-taxoterm above_title\"><a href='https:\/\/www.dmsjuridica.com\/buscador_20179478954\/corteconstitucionalcronologico202454587\/category\/buscar-en-toda-la-corte\/2005\/tutelas-2005\/' title='Tutelas 2005' class='pt-cv-tax-tutelas-2005'>Tutelas 2005<\/a><\/div>\n<h4 class=\"pt-cv-title\"><a href=\"https:\/\/www.dmsjuridica.com\/buscador_20179478954\/corteconstitucionalcronologico202454587\/t-429-05\/\" class=\"_self\" target=\"_self\" >T-429-05<\/a><\/h4>\n<div class=\"pt-cv-content\">\u00a0 \u00a0 Sentencia T-429\/05 \u00a0 SENTENCIA Y AUTONOMIA JUDICIAL-Orden para proferirlas\/SENTENCIA-Excepciones al orden para proferirlas \u00a0 PERSONA EN CIRCUNSTANCIAS DE DEBILIDAD MANIFIESTA-Discapacitado en situaci\u00f3n econ\u00f3mica precaria \u00a0 SENTENCIA DEL CONSEJO DE ESTADO-Alteraci\u00f3n del turno para fallo por tratarse de una persona en debilidad manifiesta \u00a0 Para la Corte existen pruebas de las condiciones de \u00a0salud que atraviesa el actor, que es disminuido f\u00edsico y sobre \u00a0su precaria situaci\u00f3n econ\u00f3mica. Es decir, est\u00e1 en circunstancias de debilidad manifiesta. Tambi\u00e9n es claro, y as\u00ed lo considera el ad quem, \u00a0si la sentencia que debe proferir el Consejo de Estado es favorable para ...<br \/><div class=\"pt-cv-rmwrap\"><a href=\"https:\/\/www.dmsjuridica.com\/buscador_20179478954\/corteconstitucionalcronologico202454587\/t-429-05\/\" class=\"_self pt-cv-readmore btn btn-success\" target=\"_self\">Ver Sentencia Completa...<\/a><\/div><\/div><\/div><\/div>\n<div class=\"col-md-12 col-sm-12 col-xs-12 pt-cv-content-item pt-cv-1-col\" ><div class='pt-cv-ifield'><a href=\"https:\/\/www.dmsjuridica.com\/buscador_20179478954\/corteconstitucionalcronologico202454587\/t-428-05\/\" class=\"_self pt-cv-href-thumbnail pt-cv-thumb-default\" target=\"_self\" ><\/a>\n<div class=\"pt-cv-taxoterm above_title\"><a href='https:\/\/www.dmsjuridica.com\/buscador_20179478954\/corteconstitucionalcronologico202454587\/category\/buscar-en-toda-la-corte\/2005\/tutelas-2005\/' title='Tutelas 2005' class='pt-cv-tax-tutelas-2005'>Tutelas 2005<\/a><\/div>\n<h4 class=\"pt-cv-title\"><a href=\"https:\/\/www.dmsjuridica.com\/buscador_20179478954\/corteconstitucionalcronologico202454587\/t-428-05\/\" class=\"_self\" target=\"_self\" >T-428-05<\/a><\/h4>\n<div class=\"pt-cv-content\">\u00a0 \u00a0 Sentencia T-428\/05 \u00a0 DERECHO A LA SALUD-Fundamental por conexidad con la vida\u00a0 \u00a0 DERECHO A LA SALUD EN REGIMEN SUBSIDIADO-Deber de la ARS de realizar procedimiento medico que est\u00e1 excluido en el POSS\u00a0 \u00a0 Referencia: expediente T-1019923 \u00a0 Acci\u00f3n de tutela formulada por Luz Marina Villadiego Tordecilla contra la Direcci\u00f3n Seccional de Salud de Antioquia, con citaci\u00f3n oficiosa de la ARS Emdisalud. \u00a0 \u00a0 \u00a0 Magistrado Ponente: \u00a0 Dr. JAIME ARA\u00daJO RENTER\u00cdA \u00a0 Bogot\u00e1, D. C., veintisiete (27) de abril de dos mil cinco (2005). \u00a0 La Sala Primera de Revisi\u00f3n de la Corte Constitucional, integrada por los ...<br \/><div class=\"pt-cv-rmwrap\"><a href=\"https:\/\/www.dmsjuridica.com\/buscador_20179478954\/corteconstitucionalcronologico202454587\/t-428-05\/\" class=\"_self pt-cv-readmore btn btn-success\" target=\"_self\">Ver Sentencia Completa...<\/a><\/div><\/div><\/div><\/div>\n<div class=\"col-md-12 col-sm-12 col-xs-12 pt-cv-content-item pt-cv-1-col\" ><div class='pt-cv-ifield'><a href=\"https:\/\/www.dmsjuridica.com\/buscador_20179478954\/corteconstitucionalcronologico202454587\/t-427-05\/\" class=\"_self pt-cv-href-thumbnail pt-cv-thumb-default\" target=\"_self\" ><\/a>\n<div class=\"pt-cv-taxoterm above_title\"><a href='https:\/\/www.dmsjuridica.com\/buscador_20179478954\/corteconstitucionalcronologico202454587\/category\/buscar-en-toda-la-corte\/2005\/tutelas-2005\/' title='Tutelas 2005' class='pt-cv-tax-tutelas-2005'>Tutelas 2005<\/a><\/div>\n<h4 class=\"pt-cv-title\"><a href=\"https:\/\/www.dmsjuridica.com\/buscador_20179478954\/corteconstitucionalcronologico202454587\/t-427-05\/\" class=\"_self\" target=\"_self\" >T-427-05<\/a><\/h4>\n<div class=\"pt-cv-content\">\u00a0 \u00a0 Sentencia T-427\/05 \u00a0 INAPLICACION DE NORMAS DEL PLAN OBLIGATORIO DE SALUD-Hip\u00f3tesis f\u00e1cticas que la determinan \u00a0 DERECHO A LA SALUD-No se pueden oponer periodos m\u00ednimos de cotizaci\u00f3n ante situaciones de urgencia \u00a0 ENTIDAD PRESTADORA DEL SERVICIO DE SALUD-Prestaci\u00f3n oportuna y eficaz de servicios m\u00e9dicos\u00a0 \u00a0 DERECHO A LA SEGURIDAD SOCIAL-Afiliaci\u00f3n al r\u00e9gimen subsidiado \u00a0 TRATAMIENTO MEDICO-Juez solo puede ordenar lo indicado por el m\u00e9dico tratante \u00a0 Referencia: expedientes T-960795, T-961609 y T-962104 (Acumulados). \u00a0 Accionantes: Mar\u00eda de Jes\u00fas Higuera de Pati\u00f1o, Hugo Daniel Rosero Rosero, en calidad de agente oficioso de Yeimy Julieth Mahecha Hoyos, y Alba Lucia ...<br \/><div class=\"pt-cv-rmwrap\"><a href=\"https:\/\/www.dmsjuridica.com\/buscador_20179478954\/corteconstitucionalcronologico202454587\/t-427-05\/\" class=\"_self pt-cv-readmore btn btn-success\" target=\"_self\">Ver Sentencia Completa...<\/a><\/div><\/div><\/div><\/div>\n<div class=\"col-md-12 col-sm-12 col-xs-12 pt-cv-content-item pt-cv-1-col\" ><div class='pt-cv-ifield'><a href=\"https:\/\/www.dmsjuridica.com\/buscador_20179478954\/corteconstitucionalcronologico202454587\/t-420-05\/\" class=\"_self pt-cv-href-thumbnail pt-cv-thumb-default\" target=\"_self\" ><\/a>\n<div class=\"pt-cv-taxoterm above_title\"><a href='https:\/\/www.dmsjuridica.com\/buscador_20179478954\/corteconstitucionalcronologico202454587\/category\/buscar-en-toda-la-corte\/2005\/tutelas-2005\/' title='Tutelas 2005' class='pt-cv-tax-tutelas-2005'>Tutelas 2005<\/a><\/div>\n<h4 class=\"pt-cv-title\"><a href=\"https:\/\/www.dmsjuridica.com\/buscador_20179478954\/corteconstitucionalcronologico202454587\/t-420-05\/\" class=\"_self\" target=\"_self\" >T-420-05<\/a><\/h4>\n<div class=\"pt-cv-content\">\u00a0 \u00a0 Sentencia T-420\/05 \u00a0 IUS VARIANDI-Discrecionalidad limitada a la administraci\u00f3n para modificar sitio de trabajo\u00a0 \u00a0 ACTO ADMINISTRATIVO DE TRASLADO DE FUNCIONARIO-Procedencia excepcional de la tutela para controvertir el acto cuando vulnera derechos fundamentales\/IUS VARIANDI-An\u00e1lisis sistem\u00e1tico de las circunstancias familiares que hacen viable la protecci\u00f3n por tutela \u00a0 Los actos administrativos se deben controvertir ante la jurisdicci\u00f3n contencioso administrativa y no por medio de la acci\u00f3n de tutela no obstante la acci\u00f3n contencioso administrativa \u00a0frente a decisiones de traslado de funcionarios no es un medio adecuado, eficaz e id\u00f3neo cuando lo que se debate es la vulneraci\u00f3n de un ...<br \/><div class=\"pt-cv-rmwrap\"><a href=\"https:\/\/www.dmsjuridica.com\/buscador_20179478954\/corteconstitucionalcronologico202454587\/t-420-05\/\" class=\"_self pt-cv-readmore btn btn-success\" target=\"_self\">Ver Sentencia Completa...<\/a><\/div><\/div><\/div><\/div>\n<div class=\"col-md-12 col-sm-12 col-xs-12 pt-cv-content-item pt-cv-1-col\" ><div class='pt-cv-ifield'><a href=\"https:\/\/www.dmsjuridica.com\/buscador_20179478954\/corteconstitucionalcronologico202454587\/t-419-05\/\" class=\"_self pt-cv-href-thumbnail pt-cv-thumb-default\" target=\"_self\" ><\/a>\n<div class=\"pt-cv-taxoterm above_title\"><a href='https:\/\/www.dmsjuridica.com\/buscador_20179478954\/corteconstitucionalcronologico202454587\/category\/buscar-en-toda-la-corte\/2005\/tutelas-2005\/' title='Tutelas 2005' class='pt-cv-tax-tutelas-2005'>Tutelas 2005<\/a><\/div>\n<h4 class=\"pt-cv-title\"><a href=\"https:\/\/www.dmsjuridica.com\/buscador_20179478954\/corteconstitucionalcronologico202454587\/t-419-05\/\" class=\"_self\" target=\"_self\" >T-419-05<\/a><\/h4>\n<div class=\"pt-cv-content\">\u00a0 \u00a0 Sentencia T-419\/05 \u00a0 DERECHO A LA SALUD-Fundamental por conexidad con la vida \u00a0 INAPLICACION DE NORMAS DEL PLAN OBLIGATORIO DE SALUD-Hip\u00f3tesis f\u00e1cticas que la determinan\u00a0 \u00a0 DERECHO A LA SALUD DEL MENOR -Vulneraci\u00f3n por no suministro de medicamentos no POS\u00a0 \u00a0 Reiteraci\u00f3n de Jurisprudencia \u00a0 Referencia: expediente T-1031378 \u00a0 Acci\u00f3n de tutela instaurada por Gloria Cecilia Cuentas P\u00e9rez en representaci\u00f3n de su menor hija Michelle Acha Cuentas contra la E.P.S. SANITAS. \u00a0 Magistrado Ponente: \u00a0 HUMBERTO ANTONIO SIERRA PORTO \u00a0 Bogot\u00e1, D. C., veinticinco (25) de abril de dos mil cinco (2005). \u00a0 La Sala S\u00e9ptima de Revisi\u00f3n ...<br \/><div class=\"pt-cv-rmwrap\"><a href=\"https:\/\/www.dmsjuridica.com\/buscador_20179478954\/corteconstitucionalcronologico202454587\/t-419-05\/\" class=\"_self pt-cv-readmore btn btn-success\" target=\"_self\">Ver Sentencia Completa...<\/a><\/div><\/div><\/div><\/div>\n<div class=\"col-md-12 col-sm-12 col-xs-12 pt-cv-content-item pt-cv-1-col\" ><div class='pt-cv-ifield'><a href=\"https:\/\/www.dmsjuridica.com\/buscador_20179478954\/corteconstitucionalcronologico202454587\/t-418-05\/\" class=\"_self pt-cv-href-thumbnail pt-cv-thumb-default\" target=\"_self\" ><\/a>\n<div class=\"pt-cv-taxoterm above_title\"><a href='https:\/\/www.dmsjuridica.com\/buscador_20179478954\/corteconstitucionalcronologico202454587\/category\/buscar-en-toda-la-corte\/2005\/tutelas-2005\/' title='Tutelas 2005' class='pt-cv-tax-tutelas-2005'>Tutelas 2005<\/a><\/div>\n<h4 class=\"pt-cv-title\"><a href=\"https:\/\/www.dmsjuridica.com\/buscador_20179478954\/corteconstitucionalcronologico202454587\/t-418-05\/\" class=\"_self\" target=\"_self\" >T-418-05<\/a><\/h4>\n<div class=\"pt-cv-content\">\u00a0 \u00a0 Sentencia T-418\/05 \u00a0 DERECHO A LA SALUD-Fundamental por conexidad con la vida\u00a0 \u00a0 INAPLICACION DE NORMAS DEL PLAN OBLIGATORIO DE SALUD-Hip\u00f3tesis f\u00e1cticas que la determinan \u00a0 El juez constitucional protege el derecho a la salud cuando se encuentra en conexidad con el derecho a la vida en condiciones dignas, tal protecci\u00f3n no es absoluta y requiere la verificaci\u00f3n y el cumplimiento de un conjunto de reglas que han sido trazadas por esta Corporaci\u00f3n. \u00c9stas son, en \u00faltimas, el equivalente a los requisitos de la acci\u00f3n de tutela para la protecci\u00f3n de los derechos fundamentales en este tipo de ...<br \/><div class=\"pt-cv-rmwrap\"><a href=\"https:\/\/www.dmsjuridica.com\/buscador_20179478954\/corteconstitucionalcronologico202454587\/t-418-05\/\" class=\"_self pt-cv-readmore btn btn-success\" target=\"_self\">Ver Sentencia Completa...<\/a><\/div><\/div><\/div><\/div>\n<div class=\"col-md-12 col-sm-12 col-xs-12 pt-cv-content-item pt-cv-1-col\" ><div class='pt-cv-ifield'><a href=\"https:\/\/www.dmsjuridica.com\/buscador_20179478954\/corteconstitucionalcronologico202454587\/t-417-05\/\" class=\"_self pt-cv-href-thumbnail pt-cv-thumb-default\" target=\"_self\" ><\/a>\n<div class=\"pt-cv-taxoterm above_title\"><a href='https:\/\/www.dmsjuridica.com\/buscador_20179478954\/corteconstitucionalcronologico202454587\/category\/buscar-en-toda-la-corte\/2005\/tutelas-2005\/' title='Tutelas 2005' class='pt-cv-tax-tutelas-2005'>Tutelas 2005<\/a><\/div>\n<h4 class=\"pt-cv-title\"><a href=\"https:\/\/www.dmsjuridica.com\/buscador_20179478954\/corteconstitucionalcronologico202454587\/t-417-05\/\" class=\"_self\" target=\"_self\" >T-417-05<\/a><\/h4>\n<div class=\"pt-cv-content\">\u00a0 \u00a0 Sentencia T-417\/05 \u00a0 ACCION DE TUTELA-Procedencia excepcional pago de acreencias laborales \u00a0 ACCION DE TUTELA-Improcedencia por no existir perjuicio irremediable\/ACCION DE TUTELA-Improcedencia por no probarse la vulneraci\u00f3n al m\u00ednimo vital en el caso concreto\u00a0 \u00a0 Referencia: expediente T-1023726. \u00a0 Accionante: Jos\u00e9 Nelson Ortega Robles. \u00a0 Demandados: Municipio de Sardinata. \u00a0\u00a0 \u00a0 Magistrado Ponente:\u00a0 \u00a0 Dr. RODRIGO ESCOBAR GIL \u00a0 Bogot\u00e1, D.C., \u00a0dieciocho (18) de abril de dos mil cinco (2005). \u00a0 La Sala Quinta de Revisi\u00f3n de la Corte Constitucional, integrada por los Magistrados Rodrigo Escobar Gil, Marco Gerardo Monroy Cabra y Humberto Antonio Sierra Porto, en ejercicio ...<br \/><div class=\"pt-cv-rmwrap\"><a href=\"https:\/\/www.dmsjuridica.com\/buscador_20179478954\/corteconstitucionalcronologico202454587\/t-417-05\/\" class=\"_self pt-cv-readmore btn btn-success\" target=\"_self\">Ver Sentencia Completa...<\/a><\/div><\/div><\/div><\/div>\n<div class=\"col-md-12 col-sm-12 col-xs-12 pt-cv-content-item pt-cv-1-col\" ><div class='pt-cv-ifield'><a href=\"https:\/\/www.dmsjuridica.com\/buscador_20179478954\/corteconstitucionalcronologico202454587\/t-416-05\/\" class=\"_self pt-cv-href-thumbnail pt-cv-thumb-default\" target=\"_self\" ><\/a>\n<div class=\"pt-cv-taxoterm above_title\"><a href='https:\/\/www.dmsjuridica.com\/buscador_20179478954\/corteconstitucionalcronologico202454587\/category\/buscar-en-toda-la-corte\/2005\/tutelas-2005\/' title='Tutelas 2005' class='pt-cv-tax-tutelas-2005'>Tutelas 2005<\/a><\/div>\n<h4 class=\"pt-cv-title\"><a href=\"https:\/\/www.dmsjuridica.com\/buscador_20179478954\/corteconstitucionalcronologico202454587\/t-416-05\/\" class=\"_self\" target=\"_self\" >T-416-05<\/a><\/h4>\n<div class=\"pt-cv-content\">\u00a0 \u00a0 Sentencia T-416\/05 \u00a0 DEBIDO PROCESO ADMINISTRATIVO-Fundamental\/ICETEX-No requiere intervenci\u00f3n judicial para ordenar retenci\u00f3n de salarios de deudores morosos \u00a0 DEBIDO PROCESO ADMINISTRATIVO-No vulneraci\u00f3n por cuanto el ICETEX actu\u00f3 conforme a la ley\u00a0 \u00a0 ACCION DE TUTELA-Improcedencia por no darse el presupuesto de inmediatez \u00a0 Reiteraci\u00f3n de Jurisprudencia \u00a0 Referencia: expediente T-1066135 \u00a0 Acci\u00f3n de tutela instaurada por Magnolia Alzate G\u00f3mez contra el Instituto Colombiano de Cr\u00e9dito Educativo y Estudios T\u00e9cnicos en el Exterior \u201cICETEX\u201d. \u00a0 Magistrado Ponente: \u00a0 Dr. MARCO GERARDO MONROY CABRA \u00a0 Bogot\u00e1, D.C., dieciocho (18) de abril de dos mil cinco (2005) \u00a0 La Sala Sexta ...<br \/><div class=\"pt-cv-rmwrap\"><a href=\"https:\/\/www.dmsjuridica.com\/buscador_20179478954\/corteconstitucionalcronologico202454587\/t-416-05\/\" class=\"_self pt-cv-readmore btn btn-success\" target=\"_self\">Ver Sentencia Completa...<\/a><\/div><\/div><\/div><\/div>\n<div class=\"col-md-12 col-sm-12 col-xs-12 pt-cv-content-item pt-cv-1-col\" ><div class='pt-cv-ifield'><a href=\"https:\/\/www.dmsjuridica.com\/buscador_20179478954\/corteconstitucionalcronologico202454587\/t-415-05\/\" class=\"_self pt-cv-href-thumbnail pt-cv-thumb-default\" target=\"_self\" ><\/a>\n<div class=\"pt-cv-taxoterm above_title\"><a href='https:\/\/www.dmsjuridica.com\/buscador_20179478954\/corteconstitucionalcronologico202454587\/category\/buscar-en-toda-la-corte\/2005\/tutelas-2005\/' title='Tutelas 2005' class='pt-cv-tax-tutelas-2005'>Tutelas 2005<\/a><\/div>\n<h4 class=\"pt-cv-title\"><a href=\"https:\/\/www.dmsjuridica.com\/buscador_20179478954\/corteconstitucionalcronologico202454587\/t-415-05\/\" class=\"_self\" target=\"_self\" >T-415-05<\/a><\/h4>\n<div class=\"pt-cv-content\">\u00a0 \u00a0 Sentencia T-415\/05 \u00a0 LICENCIA DE MATERNIDAD-Reglas para la procedencia excepcional de la acci\u00f3n de tutela para el pago \u00a0 LICENCIA DE MATERNIDAD-Pago por tutela cuando afecta el m\u00ednimo vital de la madre y su hijo\u00a0 \u00a0 LICENCIA DE MATERNIDAD-Pago por saneamiento de la mora\/TRABAJADOR INDEPENDIENTE-Saneamiento de la mora en pago de cotizaciones\u00a0 \u00a0 Referencia: expediente: T-1045200 \u00a0 Accionante: Esperanza Leiva Trujillo \u00a0 Magistrado Ponente:\u00a0 \u00a0 Dr. MARCO GERARDO MONROY CABRA \u00a0 Bogot\u00e1 D.C., dieciocho \u00a0(18 ) de abril de dos mil cinco (2005) \u00a0 La Sala Sexta de Revisi\u00f3n de la Corte Constitucional, integrada por los Magistrados doctores ...<br \/><div class=\"pt-cv-rmwrap\"><a href=\"https:\/\/www.dmsjuridica.com\/buscador_20179478954\/corteconstitucionalcronologico202454587\/t-415-05\/\" class=\"_self pt-cv-readmore btn btn-success\" target=\"_self\">Ver Sentencia Completa...<\/a><\/div><\/div><\/div><\/div>\n<div class=\"col-md-12 col-sm-12 col-xs-12 pt-cv-content-item pt-cv-1-col\" ><div class='pt-cv-ifield'><a href=\"https:\/\/www.dmsjuridica.com\/buscador_20179478954\/corteconstitucionalcronologico202454587\/t-414-05\/\" class=\"_self pt-cv-href-thumbnail pt-cv-thumb-default\" target=\"_self\" ><\/a>\n<div class=\"pt-cv-taxoterm above_title\"><a href='https:\/\/www.dmsjuridica.com\/buscador_20179478954\/corteconstitucionalcronologico202454587\/category\/buscar-en-toda-la-corte\/2005\/tutelas-2005\/' title='Tutelas 2005' class='pt-cv-tax-tutelas-2005'>Tutelas 2005<\/a><\/div>\n<h4 class=\"pt-cv-title\"><a href=\"https:\/\/www.dmsjuridica.com\/buscador_20179478954\/corteconstitucionalcronologico202454587\/t-414-05\/\" class=\"_self\" target=\"_self\" >T-414-05<\/a><\/h4>\n<div class=\"pt-cv-content\">\u00a0 \u00a0 Sentencia T-414\/05 \u00a0 DERECHO A LA SALUD DEL MENOR-Fundamental aut\u00f3nomo\u00a0 \u00a0 DERECHO A LA SALUD DEL MENOR EN REGIMEN SUBSIDIADO-Deber de la entidad de suministrar tratamiento por anemia que est\u00e1 excluido en el POSS\u00a0 \u00a0 ACCION DE TUTELA-Carencia actual de objeto no impide la revocatoria de fallos de instancia\u00a0 \u00a0 Reiteraci\u00f3n de Jurisprudencia \u00a0 Referencia: expediente T-1027320 \u00a0 Acci\u00f3n de tutela instaurada por Miguel \u00c1ngel Epieyu en representaci\u00f3n de su menor hijo Kleibis Reinner Epieyu Gonz\u00e1lez contra la Secretar\u00eda de Salud Departamental de la Guajira. \u00a0 Magistrado Ponente: \u00a0 Dr. HUMBERTO ANTONIO SIERRA PORTO \u00a0 Bogot\u00e1, D. C., ...<br \/><div class=\"pt-cv-rmwrap\"><a href=\"https:\/\/www.dmsjuridica.com\/buscador_20179478954\/corteconstitucionalcronologico202454587\/t-414-05\/\" class=\"_self pt-cv-readmore btn btn-success\" target=\"_self\">Ver Sentencia Completa...<\/a><\/div><\/div><\/div><\/div>\n<div class=\"col-md-12 col-sm-12 col-xs-12 pt-cv-content-item pt-cv-1-col\" ><div class='pt-cv-ifield'><a href=\"https:\/\/www.dmsjuridica.com\/buscador_20179478954\/corteconstitucionalcronologico202454587\/t-413-05\/\" class=\"_self pt-cv-href-thumbnail pt-cv-thumb-default\" target=\"_self\" ><\/a>\n<div class=\"pt-cv-taxoterm above_title\"><a href='https:\/\/www.dmsjuridica.com\/buscador_20179478954\/corteconstitucionalcronologico202454587\/category\/buscar-en-toda-la-corte\/2005\/tutelas-2005\/' title='Tutelas 2005' class='pt-cv-tax-tutelas-2005'>Tutelas 2005<\/a><\/div>\n<h4 class=\"pt-cv-title\"><a href=\"https:\/\/www.dmsjuridica.com\/buscador_20179478954\/corteconstitucionalcronologico202454587\/t-413-05\/\" class=\"_self\" target=\"_self\" >T-413-05<\/a><\/h4>\n<div class=\"pt-cv-content\">\u00a0 \u00a0 Sentencia T-413\/05 \u00a0 PARO-No tiene protecci\u00f3n constitucional ni legal\/HUELGA DECLARADA JUDICIALMENTE Y PARO COLECTIVO DE LABORES-Diferencias con el paro de labores \u00a0 Es preciso distinguir entre el paro colectivo de labores en actividades donde por la clase de servicios que realizan y por la calidad de los funcionarios, est\u00e1 prohibida cualquier suspensi\u00f3n de los mismos y el cese de actividad ocasionado por motivo de una huelga legalmente declarada, ya que son fen\u00f3menos que no se pueden equiparar jur\u00eddicamente, pues mientras que el derecho de huelga como derecho fundamental tutelado por la Constituci\u00f3n y la ley tiene una finalidad ...<br \/><div class=\"pt-cv-rmwrap\"><a href=\"https:\/\/www.dmsjuridica.com\/buscador_20179478954\/corteconstitucionalcronologico202454587\/t-413-05\/\" class=\"_self pt-cv-readmore btn btn-success\" target=\"_self\">Ver Sentencia Completa...<\/a><\/div><\/div><\/div><\/div>\n<div class=\"col-md-12 col-sm-12 col-xs-12 pt-cv-content-item pt-cv-1-col\" ><div class='pt-cv-ifield'><a href=\"https:\/\/www.dmsjuridica.com\/buscador_20179478954\/corteconstitucionalcronologico202454587\/t-412-05\/\" class=\"_self pt-cv-href-thumbnail pt-cv-thumb-default\" target=\"_self\" ><\/a>\n<div class=\"pt-cv-taxoterm above_title\"><a href='https:\/\/www.dmsjuridica.com\/buscador_20179478954\/corteconstitucionalcronologico202454587\/category\/buscar-en-toda-la-corte\/2005\/tutelas-2005\/' title='Tutelas 2005' class='pt-cv-tax-tutelas-2005'>Tutelas 2005<\/a><\/div>\n<h4 class=\"pt-cv-title\"><a href=\"https:\/\/www.dmsjuridica.com\/buscador_20179478954\/corteconstitucionalcronologico202454587\/t-412-05\/\" class=\"_self\" target=\"_self\" >T-412-05<\/a><\/h4>\n<div class=\"pt-cv-content\">\u00a0 \u00a0 Sentencia T-412\/05 \u00a0 DERECHO A LA SALUD-Fundamental por conexidad\u00a0 \u00a0 DERECHO A LA SALUD-Fundamental aut\u00f3nomo\u00a0 \u00a0 Ha sostenido esta Corporaci\u00f3n que cuando se trata de la atenci\u00f3n en salud de una persona, bien sea a trav\u00e9s de tratamientos, medicamentos o procedimientos incluidos en el POS, el derecho a la salud tiene naturaleza de derecho fundamental de manera aut\u00f3noma, pues es posible constatar la existencia de regulaciones internas sobre el derecho a la salud. En tales situaciones las personas, adquieren un derecho subjetivo de recibir las prestaciones definidas en el Plan Obligatorio de Salud, pero cuando se prueba el ...<br \/><div class=\"pt-cv-rmwrap\"><a href=\"https:\/\/www.dmsjuridica.com\/buscador_20179478954\/corteconstitucionalcronologico202454587\/t-412-05\/\" class=\"_self pt-cv-readmore btn btn-success\" target=\"_self\">Ver Sentencia Completa...<\/a><\/div><\/div><\/div><\/div>\n<div class=\"col-md-12 col-sm-12 col-xs-12 pt-cv-content-item pt-cv-1-col\" ><div class='pt-cv-ifield'><a href=\"https:\/\/www.dmsjuridica.com\/buscador_20179478954\/corteconstitucionalcronologico202454587\/t-411-05\/\" class=\"_self pt-cv-href-thumbnail pt-cv-thumb-default\" target=\"_self\" ><\/a>\n<div class=\"pt-cv-taxoterm above_title\"><a href='https:\/\/www.dmsjuridica.com\/buscador_20179478954\/corteconstitucionalcronologico202454587\/category\/buscar-en-toda-la-corte\/2005\/tutelas-2005\/' title='Tutelas 2005' class='pt-cv-tax-tutelas-2005'>Tutelas 2005<\/a><\/div>\n<h4 class=\"pt-cv-title\"><a href=\"https:\/\/www.dmsjuridica.com\/buscador_20179478954\/corteconstitucionalcronologico202454587\/t-411-05\/\" class=\"_self\" target=\"_self\" >T-411-05<\/a><\/h4>\n<div class=\"pt-cv-content\">\u00a0 \u00a0 Sentencia T-411\/05 \u00a0 DERECHO DE PETICION EN MATERIA PENSIONAL-T\u00e9rmino de quince d\u00edas para resolver asuntos dentro del tr\u00e1mite de pensi\u00f3n \u00a0 DERECHO DE PETICION EN MATERIA PENSIONAL-T\u00e9rmino de cuatro y seis meses para resolver reconocimiento y pago de pensi\u00f3n \u00a0 DERECHO A LA PENSION DE VEJEZ-Fundamental por conexidad \u00a0 Referencia: expediente T-1025324 \u00a0 Acci\u00f3n de tutela instaurada por P\u00edo Santos Jim\u00e9nez contra la Caja de Cr\u00e9dito Agrario, Industrial y Minero -en Liquidaci\u00f3n-. \u00a0 Magistrada Ponente: \u00a0 Dra. CLARA IN\u00c9S VARGAS HERN\u00c1NDEZ \u00a0 Bogot\u00e1, D.C., quince (15) de abril de dos mil cinco (2005). \u00a0 La Sala Novena de ...<br \/><div class=\"pt-cv-rmwrap\"><a href=\"https:\/\/www.dmsjuridica.com\/buscador_20179478954\/corteconstitucionalcronologico202454587\/t-411-05\/\" class=\"_self pt-cv-readmore btn btn-success\" target=\"_self\">Ver Sentencia Completa...<\/a><\/div><\/div><\/div><\/div>\n<div class=\"col-md-12 col-sm-12 col-xs-12 pt-cv-content-item pt-cv-1-col\" ><div class='pt-cv-ifield'><a href=\"https:\/\/www.dmsjuridica.com\/buscador_20179478954\/corteconstitucionalcronologico202454587\/t-410-05\/\" class=\"_self pt-cv-href-thumbnail pt-cv-thumb-default\" target=\"_self\" ><\/a>\n<div class=\"pt-cv-taxoterm above_title\"><a href='https:\/\/www.dmsjuridica.com\/buscador_20179478954\/corteconstitucionalcronologico202454587\/category\/buscar-en-toda-la-corte\/2005\/tutelas-2005\/' title='Tutelas 2005' class='pt-cv-tax-tutelas-2005'>Tutelas 2005<\/a><\/div>\n<h4 class=\"pt-cv-title\"><a href=\"https:\/\/www.dmsjuridica.com\/buscador_20179478954\/corteconstitucionalcronologico202454587\/t-410-05\/\" class=\"_self\" target=\"_self\" >T-410-05<\/a><\/h4>\n<div class=\"pt-cv-content\">\u00a0 \u00a0 Sentencia T-410\/05 \u00a0 ACCION DE TUTELA TEMERARIA-Aspectos para que se configure \u00a0 Resulta claro que la acci\u00f3n de tutela puede ser ejercida en m\u00e1s de una oportunidad por las mismas partes o sus apoderados y respecto de las mismas pretensiones, siempre y cuando existan motivos o circunstancias que, valoradas por el juez constitucional, expresamente justifiquen volver a hacer uso del mecanismo de protecci\u00f3n de los derechos fundamentales, evento en el cual la situaci\u00f3n no puede calificarse de temeraria ya que se estar\u00eda en presencia del debido ejercicio de un derecho fundamental. \u00a0 \u00a0 Referencia: expediente T-1029636\u00a0 \u00a0 Acci\u00f3n ...<br \/><div class=\"pt-cv-rmwrap\"><a href=\"https:\/\/www.dmsjuridica.com\/buscador_20179478954\/corteconstitucionalcronologico202454587\/t-410-05\/\" class=\"_self pt-cv-readmore btn btn-success\" target=\"_self\">Ver Sentencia Completa...<\/a><\/div><\/div><\/div><\/div>\n<div class=\"col-md-12 col-sm-12 col-xs-12 pt-cv-content-item pt-cv-1-col\" ><div class='pt-cv-ifield'><a href=\"https:\/\/www.dmsjuridica.com\/buscador_20179478954\/corteconstitucionalcronologico202454587\/t-409-05\/\" class=\"_self pt-cv-href-thumbnail pt-cv-thumb-default\" target=\"_self\" ><\/a>\n<div class=\"pt-cv-taxoterm above_title\"><a href='https:\/\/www.dmsjuridica.com\/buscador_20179478954\/corteconstitucionalcronologico202454587\/category\/buscar-en-toda-la-corte\/2005\/tutelas-2005\/' title='Tutelas 2005' class='pt-cv-tax-tutelas-2005'>Tutelas 2005<\/a><\/div>\n<h4 class=\"pt-cv-title\"><a href=\"https:\/\/www.dmsjuridica.com\/buscador_20179478954\/corteconstitucionalcronologico202454587\/t-409-05\/\" class=\"_self\" target=\"_self\" >T-409-05<\/a><\/h4>\n<div class=\"pt-cv-content\">\u00a0 \u00a0 Sentencia T-409\/05 \u00a0 DERECHO A LA SALUD DEL NI\u00d1O-Fundamental aut\u00f3nomo \u00a0 DERECHO A LA SALUD DEL NI\u00d1O-No se pueden oponer periodos m\u00ednimos de cotizaci\u00f3n ante situaciones de urgencia \u00a0 INAPLICACION DE NORMAS DEL PLAN OBLIGATORIO DE SALUD-Hip\u00f3tesis f\u00e1cticas que la determinan\u00a0 \u00a0 Referencia: expediente T-1025708\u00a0 \u00a0 Acci\u00f3n de tutela instaurada por Lesly Danely Morales Labarce, en representaci\u00f3n de su hija Valentina Rodr\u00edguez Morales, contra Coomeva E.P.S \u00a0 Magistrada Ponente: \u00a0 Dra. CLARA IN\u00c9S VARGAS HERN\u00c1NDEZ \u00a0 Bogot\u00e1, D.C., quince (15) de abril de dos mil cinco (2005). \u00a0 La Sala Novena de Revisi\u00f3n de la Corte Constitucional, integrada ...<br \/><div class=\"pt-cv-rmwrap\"><a href=\"https:\/\/www.dmsjuridica.com\/buscador_20179478954\/corteconstitucionalcronologico202454587\/t-409-05\/\" class=\"_self pt-cv-readmore btn btn-success\" target=\"_self\">Ver Sentencia Completa...<\/a><\/div><\/div><\/div><\/div>\n<div class=\"col-md-12 col-sm-12 col-xs-12 pt-cv-content-item pt-cv-1-col\" ><div class='pt-cv-ifield'><a href=\"https:\/\/www.dmsjuridica.com\/buscador_20179478954\/corteconstitucionalcronologico202454587\/t-408-05\/\" class=\"_self pt-cv-href-thumbnail pt-cv-thumb-default\" target=\"_self\" ><\/a>\n<div class=\"pt-cv-taxoterm above_title\"><a href='https:\/\/www.dmsjuridica.com\/buscador_20179478954\/corteconstitucionalcronologico202454587\/category\/buscar-en-toda-la-corte\/2005\/tutelas-2005\/' title='Tutelas 2005' class='pt-cv-tax-tutelas-2005'>Tutelas 2005<\/a><\/div>\n<h4 class=\"pt-cv-title\"><a href=\"https:\/\/www.dmsjuridica.com\/buscador_20179478954\/corteconstitucionalcronologico202454587\/t-408-05\/\" class=\"_self\" target=\"_self\" >T-408-05<\/a><\/h4>\n<div class=\"pt-cv-content\">\u00a0 \u00a0 Sentencia T-408\/05 \u00a0 ENTIDAD DE SALUD-Transporte de pacientes para atenci\u00f3n m\u00e9dica\u00a0 \u00a0 ENTIDAD PRESTADORA DE SALUD-Condiciones para llevar a cabo el transporte de pacientes\u00a0 \u00a0 La jurisprudencia constitucional referida se pueden inferir las siguientes reglas en materia de suministro de gastos de transporte a los afiliados al sistema de seguridad social a los que debe prest\u00e1rseles un servicio m\u00e9dico en un municipio diferente al de su residencia: i) El suministro de los gastos de transporte recae sobre el afiliado, determinaci\u00f3n \u00e9sta consecuente con la necesidad de mantener el equilibrio financiero del sistema de seguridad social en salud. ii) ...<br \/><div class=\"pt-cv-rmwrap\"><a href=\"https:\/\/www.dmsjuridica.com\/buscador_20179478954\/corteconstitucionalcronologico202454587\/t-408-05\/\" class=\"_self pt-cv-readmore btn btn-success\" target=\"_self\">Ver Sentencia Completa...<\/a><\/div><\/div><\/div><\/div>\n<div class=\"col-md-12 col-sm-12 col-xs-12 pt-cv-content-item pt-cv-1-col\" ><div class='pt-cv-ifield'><a href=\"https:\/\/www.dmsjuridica.com\/buscador_20179478954\/corteconstitucionalcronologico202454587\/t-407-05\/\" class=\"_self pt-cv-href-thumbnail pt-cv-thumb-default\" target=\"_self\" ><\/a>\n<div class=\"pt-cv-taxoterm above_title\"><a href='https:\/\/www.dmsjuridica.com\/buscador_20179478954\/corteconstitucionalcronologico202454587\/category\/buscar-en-toda-la-corte\/2005\/tutelas-2005\/' title='Tutelas 2005' class='pt-cv-tax-tutelas-2005'>Tutelas 2005<\/a><\/div>\n<h4 class=\"pt-cv-title\"><a href=\"https:\/\/www.dmsjuridica.com\/buscador_20179478954\/corteconstitucionalcronologico202454587\/t-407-05\/\" class=\"_self\" target=\"_self\" >T-407-05<\/a><\/h4>\n<div class=\"pt-cv-content\">\u00a0 \u00a0 Sentencia T-407\/05 \u00a0 ACCION DE TUTELA TEMERARIA-Aspectos para que se configure \u00a0 La temeridad se configura cuando se re\u00fanen los siguientes cuatro elementos: (i) identidad en el accionante; (ii) identidad en el accionado; (iii) identidad f\u00e1ctica; (iv) ausencia de justificaci\u00f3n suficiente para interponer la nueva acci\u00f3n\u00a0 \u00a0 ACCION DE TUTELA TEMERARIA-Fallos de tutela diferentes respecto de circunstancias f\u00e1cticas iguales no constituye hecho nuevo que justifique interponer una segunda tutela \u00a0 A juicio de la Corte Constitucional, la mera existencia de una decisi\u00f3n de un juez constitucional de instancia en la cual se concede la protecci\u00f3n a quien, en ...<br \/><div class=\"pt-cv-rmwrap\"><a href=\"https:\/\/www.dmsjuridica.com\/buscador_20179478954\/corteconstitucionalcronologico202454587\/t-407-05\/\" class=\"_self pt-cv-readmore btn btn-success\" target=\"_self\">Ver Sentencia Completa...<\/a><\/div><\/div><\/div><\/div>\n<div class=\"col-md-12 col-sm-12 col-xs-12 pt-cv-content-item pt-cv-1-col\" ><div class='pt-cv-ifield'><a href=\"https:\/\/www.dmsjuridica.com\/buscador_20179478954\/corteconstitucionalcronologico202454587\/t-406-05\/\" class=\"_self pt-cv-href-thumbnail pt-cv-thumb-default\" target=\"_self\" ><\/a>\n<div class=\"pt-cv-taxoterm above_title\"><a href='https:\/\/www.dmsjuridica.com\/buscador_20179478954\/corteconstitucionalcronologico202454587\/category\/buscar-en-toda-la-corte\/2005\/tutelas-2005\/' title='Tutelas 2005' class='pt-cv-tax-tutelas-2005'>Tutelas 2005<\/a><\/div>\n<h4 class=\"pt-cv-title\"><a href=\"https:\/\/www.dmsjuridica.com\/buscador_20179478954\/corteconstitucionalcronologico202454587\/t-406-05\/\" class=\"_self\" target=\"_self\" >T-406-05<\/a><\/h4>\n<div class=\"pt-cv-content\">\u00a0 \u00a0 Sentencia T-406\/05 \u00a0 ACCION DE TUTELA-Caracter\u00edsticas de subsidiariedad e inmediatez \u00a0 ACCION DE TUTELA-Improcedencia por no darse el presupuesto de inmediatez\/ACCION DE TUTELA-Improcedencia por existir medio de defensa judicial para impugnar la sentencia que neg\u00f3 la paternidad a la menor \u00a0 Referencia: expediente T-999473 \u00a0 Acci\u00f3n de tutela de Luz Marina Rodr\u00edguez D\u00edaz contra el Juzgado 5\u00ba de Familia y la Sala Civil Familia del Tribunal Superior de C\u00facuta \u00a0 Magistrado Ponente:\u00a0 \u00a0 Dr. JAIME C\u00d3RDOBA TRIVI\u00d1O \u00a0 Bogot\u00e1, D. C., quince \u00a0(15) \u00a0de abril de dos mil cinco \u00a0(2005). \u00a0 La Sala Cuarta de Revisi\u00f3n de la ...<br \/><div class=\"pt-cv-rmwrap\"><a href=\"https:\/\/www.dmsjuridica.com\/buscador_20179478954\/corteconstitucionalcronologico202454587\/t-406-05\/\" class=\"_self pt-cv-readmore btn btn-success\" target=\"_self\">Ver Sentencia Completa...<\/a><\/div><\/div><\/div><\/div>\n<div class=\"col-md-12 col-sm-12 col-xs-12 pt-cv-content-item pt-cv-1-col\" ><div class='pt-cv-ifield'><a href=\"https:\/\/www.dmsjuridica.com\/buscador_20179478954\/corteconstitucionalcronologico202454587\/t-405-05\/\" class=\"_self pt-cv-href-thumbnail pt-cv-thumb-default\" target=\"_self\" ><\/a>\n<div class=\"pt-cv-taxoterm above_title\"><a href='https:\/\/www.dmsjuridica.com\/buscador_20179478954\/corteconstitucionalcronologico202454587\/category\/buscar-en-toda-la-corte\/2005\/tutelas-2005\/' title='Tutelas 2005' class='pt-cv-tax-tutelas-2005'>Tutelas 2005<\/a><\/div>\n<h4 class=\"pt-cv-title\"><a href=\"https:\/\/www.dmsjuridica.com\/buscador_20179478954\/corteconstitucionalcronologico202454587\/t-405-05\/\" class=\"_self\" target=\"_self\" >T-405-05<\/a><\/h4>\n<div class=\"pt-cv-content\">\u00a0 \u00a0 Sentencia T-405\/05 \u00a0 PRINCIPIO DE SEGURIDAD JURIDICA Y AUTONOMIA JUDICIAL-Debe servir de refuerzo a la legalidad \u00a0 JUEZ-Aplicaci\u00f3n y sujeci\u00f3n a leyes\/ILEGALIDAD DE LA DECISION JUDICIAL-El juez se apart\u00f3 de la ley\u00a0 \u00a0 VIA DE HECHO-Vulneraci\u00f3n de derechos fundamentales \u00a0 NULIDAD ROCESAL CIVIL-Desconocimiento de providencia ejecutoriada del superior \u00a0 Referencia: expediente T-955292 \u00a0 Acci\u00f3n de tutela de Archipi\u00e9lago\u2019s Power and Ligth Co. S.A.\u00a0 \u00a0 contra la Sala \u00danica del Tribunal Superior de San Andr\u00e9s \u00a0 Magistrado Ponente:\u00a0 \u00a0 Dr. JAIME C\u00d3RDOBA TRIVI\u00d1O \u00a0 Bogot\u00e1, D. C., quince \u00a0(15) \u00a0de abril de dos mil cinco \u00a0(2005). \u00a0 La Sala ...<br \/><div class=\"pt-cv-rmwrap\"><a href=\"https:\/\/www.dmsjuridica.com\/buscador_20179478954\/corteconstitucionalcronologico202454587\/t-405-05\/\" class=\"_self pt-cv-readmore btn btn-success\" target=\"_self\">Ver Sentencia Completa...<\/a><\/div><\/div><\/div><\/div>\n<div class=\"col-md-12 col-sm-12 col-xs-12 pt-cv-content-item pt-cv-1-col\" ><div class='pt-cv-ifield'><a href=\"https:\/\/www.dmsjuridica.com\/buscador_20179478954\/corteconstitucionalcronologico202454587\/t-404-05\/\" class=\"_self pt-cv-href-thumbnail pt-cv-thumb-default\" target=\"_self\" ><\/a>\n<div class=\"pt-cv-taxoterm above_title\"><a href='https:\/\/www.dmsjuridica.com\/buscador_20179478954\/corteconstitucionalcronologico202454587\/category\/buscar-en-toda-la-corte\/2005\/tutelas-2005\/' title='Tutelas 2005' class='pt-cv-tax-tutelas-2005'>Tutelas 2005<\/a><\/div>\n<h4 class=\"pt-cv-title\"><a href=\"https:\/\/www.dmsjuridica.com\/buscador_20179478954\/corteconstitucionalcronologico202454587\/t-404-05\/\" class=\"_self\" target=\"_self\" >T-404-05<\/a><\/h4>\n<div class=\"pt-cv-content\">\u00a0 \u00a0 Sentencia T-404\/05 \u00a0 CONTRATO REALIDAD-Elementos esenciales que deben demostrarse\u00a0 \u00a0 PRINCIPIO DE PRIMACIA DE REALIDAD SOBRE FORMALIDADES ESTABLECIDAS POR SUJETOS DE RELACIONES LABORALES\u00a0 \u00a0 SUBORDINACION E INDEFENSION-Explotaci\u00f3n fuerza laboral sin contraprestaciones legales \u00a0 MUJER EMBARAZADA-Protecci\u00f3n constitucional especial\/PRINCIPIO DE ESTABILIDAD EN EL EMPLEO DE MUJER EMBARAZADA-Derechos que se protegen \u00a0 ACCION DE TUTELA TRANSITORIA DE MUJER EMBARAZADA-Elementos f\u00e1cticos que deben demostrarse \u00a0 PRINCIPIO DE ESTABILIDAD EN EL EMPLEO DE MUJER EMBARAZADA-Renovaci\u00f3n contrato a t\u00e9rmino fijo \u00a0 Referencia: expediente T-947199 \u00a0 Acci\u00f3n de tutela de Johana Urquijo Pinto contra Acci\u00f3n Total Ltda. y L\u00e1cteos del Campo. \u00a0 Magistrado Ponente:\u00a0 \u00a0 ...<br \/><div class=\"pt-cv-rmwrap\"><a href=\"https:\/\/www.dmsjuridica.com\/buscador_20179478954\/corteconstitucionalcronologico202454587\/t-404-05\/\" class=\"_self pt-cv-readmore btn btn-success\" target=\"_self\">Ver Sentencia Completa...<\/a><\/div><\/div><\/div><\/div>\n<div class=\"col-md-12 col-sm-12 col-xs-12 pt-cv-content-item pt-cv-1-col\" ><div class='pt-cv-ifield'><a href=\"https:\/\/www.dmsjuridica.com\/buscador_20179478954\/corteconstitucionalcronologico202454587\/t-403-05\/\" class=\"_self pt-cv-href-thumbnail pt-cv-thumb-default\" target=\"_self\" ><\/a>\n<div class=\"pt-cv-taxoterm above_title\"><a href='https:\/\/www.dmsjuridica.com\/buscador_20179478954\/corteconstitucionalcronologico202454587\/category\/buscar-en-toda-la-corte\/2005\/tutelas-2005\/' title='Tutelas 2005' class='pt-cv-tax-tutelas-2005'>Tutelas 2005<\/a><\/div>\n<h4 class=\"pt-cv-title\"><a href=\"https:\/\/www.dmsjuridica.com\/buscador_20179478954\/corteconstitucionalcronologico202454587\/t-403-05\/\" class=\"_self\" target=\"_self\" >T-403-05<\/a><\/h4>\n<div class=\"pt-cv-content\">\u00a0 \u00a0 Sentencia T-403\/05 \u00a0 ACCION DE TUTELA CONTRA PROVIDENCIAS JUDICIALES-Procedencia excepcional por v\u00eda de hecho \u00a0 VIA DE HECHO-Clases de defectos en la actuaci\u00f3n\u00a0 \u00a0 ACCION DE TUTELA CONTRA PROVIDENCIAS JUDICIALES-Improcedencia por ausencia de inmediatez \u00a0 Referencia: expediente T-1002169 \u00a0 Acci\u00f3n de tutela instaurada por Judhy Stella Vel\u00e1squez Herrera, representante de la Empresa Industrial y Comercial de C\u00facuta E.S.P. - E.I.S. C\u00facuta contra el Juzgado Cuarto Laboral del Circuito de C\u00facuta y la Sala Laboral del Tribunal Superior del Distrito Judicial de C\u00facuta.\u00a0 \u00a0 Magistrado Ponente: \u00a0 Bogot\u00e1, D.C., quince (15) de abril de dos mil cinco (2005) \u00a0 ...<br \/><div class=\"pt-cv-rmwrap\"><a href=\"https:\/\/www.dmsjuridica.com\/buscador_20179478954\/corteconstitucionalcronologico202454587\/t-403-05\/\" class=\"_self pt-cv-readmore btn btn-success\" target=\"_self\">Ver Sentencia Completa...<\/a><\/div><\/div><\/div><\/div>\n<div class=\"col-md-12 col-sm-12 col-xs-12 pt-cv-content-item pt-cv-1-col\" ><div class='pt-cv-ifield'><a href=\"https:\/\/www.dmsjuridica.com\/buscador_20179478954\/corteconstitucionalcronologico202454587\/t-402-05\/\" class=\"_self pt-cv-href-thumbnail pt-cv-thumb-default\" target=\"_self\" ><\/a>\n<div class=\"pt-cv-taxoterm above_title\"><a href='https:\/\/www.dmsjuridica.com\/buscador_20179478954\/corteconstitucionalcronologico202454587\/category\/buscar-en-toda-la-corte\/2005\/tutelas-2005\/' title='Tutelas 2005' class='pt-cv-tax-tutelas-2005'>Tutelas 2005<\/a><\/div>\n<h4 class=\"pt-cv-title\"><a href=\"https:\/\/www.dmsjuridica.com\/buscador_20179478954\/corteconstitucionalcronologico202454587\/t-402-05\/\" class=\"_self\" target=\"_self\" >T-402-05<\/a><\/h4>\n<div class=\"pt-cv-content\">\u00a0 \u00a0 Sentencia T-402\/05 \u00a0 IUS VARIANDI EN PERSONAL DEL DEPARTAMENTO ADMINISTRATIVO DE SEGURIDAD-Facultades del empleador deben ejercerse dentro de un marco razonable \u00a0 IUS VARIANDI-Discrecionalidad limitada a la administraci\u00f3n para modificar sitio de trabajo \u00a0 ACCION DE TUTELA-Eventos en que procede para traslado de trabajador\u00a0 \u00a0 La jurisprudencia de esta corporaci\u00f3n ha aceptado la procedencia de la acci\u00f3n de tutela en circunstancias especiales y que demandan con urgencia el amparo constitucional, a saber: (i) cuando el acto de traslado es intempestivo, arbitrario y atenta contra la unidad familiar; (ii) cuando con el mismo se coloca en grave riesgo la ...<br \/><div class=\"pt-cv-rmwrap\"><a href=\"https:\/\/www.dmsjuridica.com\/buscador_20179478954\/corteconstitucionalcronologico202454587\/t-402-05\/\" class=\"_self pt-cv-readmore btn btn-success\" target=\"_self\">Ver Sentencia Completa...<\/a><\/div><\/div><\/div><\/div>\n<div class=\"col-md-12 col-sm-12 col-xs-12 pt-cv-content-item pt-cv-1-col\" ><div class='pt-cv-ifield'><a href=\"https:\/\/www.dmsjuridica.com\/buscador_20179478954\/corteconstitucionalcronologico202454587\/t-399-05\/\" class=\"_self pt-cv-href-thumbnail pt-cv-thumb-default\" target=\"_self\" ><\/a>\n<div class=\"pt-cv-taxoterm above_title\"><a href='https:\/\/www.dmsjuridica.com\/buscador_20179478954\/corteconstitucionalcronologico202454587\/category\/buscar-en-toda-la-corte\/2005\/tutelas-2005\/' title='Tutelas 2005' class='pt-cv-tax-tutelas-2005'>Tutelas 2005<\/a><\/div>\n<h4 class=\"pt-cv-title\"><a href=\"https:\/\/www.dmsjuridica.com\/buscador_20179478954\/corteconstitucionalcronologico202454587\/t-399-05\/\" class=\"_self\" target=\"_self\" >T-399-05<\/a><\/h4>\n<div class=\"pt-cv-content\">\u00a0 \u00a0 Sentencia T-399\/05 \u00a0 MADRE CABEZA DE FAMILIA-Protecci\u00f3n constitucional especial\/ \u00a0 DERECHOS DEL NI\u00d1O-Protecci\u00f3n constitucional especial\u00a0 \u00a0 PROCESOS DE REESTRUCTURACION ADMINISTRATIVA EN ENTIDADES DEL ESTADO-Fundamentos\u00a0 \u00a0 PROTECCION CONSTITUCIONAL DE LA MADRE CABEZA DE FAMILIA Y PERSONAS DISCAPACITADAS-Vulneraci\u00f3n por establecerle l\u00edmite temporal al ret\u00e9n social \u00a0 MADRE CABEZA DE FAMILIA Y PERSONAS DISCAPACITADAS-L\u00edmitaci\u00f3n a la protecci\u00f3n reforzada fijada en la ley 813 de 2003 declarada inconstitucional por la sentencia C-991 de 2004 \u00a0 DERECHO A LA ESTABILIDAD LABORAL-No se limita por ocupar cargo de carrera en provisionalidad \u00a0 PROCESOS DE REESTRUCTURACION ADMINISTRATIVA EN ENTIDADES DEL ESTADO-Deber de reintegro de las ...<br \/><div class=\"pt-cv-rmwrap\"><a href=\"https:\/\/www.dmsjuridica.com\/buscador_20179478954\/corteconstitucionalcronologico202454587\/t-399-05\/\" class=\"_self pt-cv-readmore btn btn-success\" target=\"_self\">Ver Sentencia Completa...<\/a><\/div><\/div><\/div><\/div>\n<div class=\"col-md-12 col-sm-12 col-xs-12 pt-cv-content-item pt-cv-1-col\" ><div class='pt-cv-ifield'><a href=\"https:\/\/www.dmsjuridica.com\/buscador_20179478954\/corteconstitucionalcronologico202454587\/t-398-05\/\" class=\"_self pt-cv-href-thumbnail pt-cv-thumb-default\" target=\"_self\" ><\/a>\n<div class=\"pt-cv-taxoterm above_title\"><a href='https:\/\/www.dmsjuridica.com\/buscador_20179478954\/corteconstitucionalcronologico202454587\/category\/buscar-en-toda-la-corte\/2005\/tutelas-2005\/' title='Tutelas 2005' class='pt-cv-tax-tutelas-2005'>Tutelas 2005<\/a><\/div>\n<h4 class=\"pt-cv-title\"><a href=\"https:\/\/www.dmsjuridica.com\/buscador_20179478954\/corteconstitucionalcronologico202454587\/t-398-05\/\" class=\"_self\" target=\"_self\" >T-398-05<\/a><\/h4>\n<div class=\"pt-cv-content\">\u00a0 \u00a0 Sentencia T-398\/05 \u00a0 ACCION DE TUTELA-Procedencia excepcional pago de mesadas pensionales\u00a0 \u00a0 DERECHO AL MINIMO VITAL-Requisitos para acreditar vulneraci\u00f3n \u00a0 DERECHO AL MINIMO VITAL DEL PENSIONADO-Presunci\u00f3n de afectaci\u00f3n por ausencia prolongada en pago de mesadas \u00a0 Referencia: expediente: T-1025118 \u00a0 Accionante: Alvaro Rodr\u00edguez Mendoza \u00a0 Procedencia: Juzgado Primero Promiscuo de Familia Quibd\u00f3 Choc\u00f3 \u00a0 Magistrado Ponente:\u00a0 \u00a0 Dr. MARCO GERARDO MONROY CABRA \u00a0 \u00a0 \u00a0 Bogot\u00e1, D.C., catorce (14) de abril de dos mil cinco (2005) \u00a0 La Sala Sexta de Revisi\u00f3n de la Corte Constitucional, integrada por los Magistrados doctores Humberto Antonio Sierra Porto, \u00c1lvaro Tafur Galvis ...<br \/><div class=\"pt-cv-rmwrap\"><a href=\"https:\/\/www.dmsjuridica.com\/buscador_20179478954\/corteconstitucionalcronologico202454587\/t-398-05\/\" class=\"_self pt-cv-readmore btn btn-success\" target=\"_self\">Ver Sentencia Completa...<\/a><\/div><\/div><\/div><\/div>\n<div class=\"col-md-12 col-sm-12 col-xs-12 pt-cv-content-item pt-cv-1-col\" ><div class='pt-cv-ifield'><a href=\"https:\/\/www.dmsjuridica.com\/buscador_20179478954\/corteconstitucionalcronologico202454587\/t-397-05\/\" class=\"_self pt-cv-href-thumbnail pt-cv-thumb-default\" target=\"_self\" ><\/a>\n<div class=\"pt-cv-taxoterm above_title\"><a href='https:\/\/www.dmsjuridica.com\/buscador_20179478954\/corteconstitucionalcronologico202454587\/category\/buscar-en-toda-la-corte\/2005\/tutelas-2005\/' title='Tutelas 2005' class='pt-cv-tax-tutelas-2005'>Tutelas 2005<\/a><\/div>\n<h4 class=\"pt-cv-title\"><a href=\"https:\/\/www.dmsjuridica.com\/buscador_20179478954\/corteconstitucionalcronologico202454587\/t-397-05\/\" class=\"_self\" target=\"_self\" >T-397-05<\/a><\/h4>\n<div class=\"pt-cv-content\">\u00a0 \u00a0 Sentencia T-397\/05 \u00a0 Esta Corporaci\u00f3n ha manifestado en repetidas oportunidades que el reconocimiento y pago de la licencia de maternidad para las madres que acaban de dar a luz y que re\u00fanen los requisitos para acceder a ella, involucra la garant\u00eda de varios derechos de car\u00e1cter fundamental, en tanto la licencia tiene la funci\u00f3n de garantizar (1) la igualdad efectiva de los sexos, (2) el derecho al libre desarrollo de la personalidad y a la dignidad de las mujeres, (3) el derecho al m\u00ednimo vital tanto de la madre como del reci\u00e9n nacido, (4) el derecho de los ...<br \/><div class=\"pt-cv-rmwrap\"><a href=\"https:\/\/www.dmsjuridica.com\/buscador_20179478954\/corteconstitucionalcronologico202454587\/t-397-05\/\" class=\"_self pt-cv-readmore btn btn-success\" target=\"_self\">Ver Sentencia Completa...<\/a><\/div><\/div><\/div><\/div>\n<div class=\"col-md-12 col-sm-12 col-xs-12 pt-cv-content-item pt-cv-1-col\" ><div class='pt-cv-ifield'><a href=\"https:\/\/www.dmsjuridica.com\/buscador_20179478954\/corteconstitucionalcronologico202454587\/t-396-05\/\" class=\"_self pt-cv-href-thumbnail pt-cv-thumb-default\" target=\"_self\" ><\/a>\n<div class=\"pt-cv-taxoterm above_title\"><a href='https:\/\/www.dmsjuridica.com\/buscador_20179478954\/corteconstitucionalcronologico202454587\/category\/buscar-en-toda-la-corte\/2005\/tutelas-2005\/' title='Tutelas 2005' class='pt-cv-tax-tutelas-2005'>Tutelas 2005<\/a><\/div>\n<h4 class=\"pt-cv-title\"><a href=\"https:\/\/www.dmsjuridica.com\/buscador_20179478954\/corteconstitucionalcronologico202454587\/t-396-05\/\" class=\"_self\" target=\"_self\" >T-396-05<\/a><\/h4>\n<div class=\"pt-cv-content\">\u00a0 \u00a0 Sentencia T-396\/05 \u00a0 ACCION DE TUTELA DE PERSONA JURIDICA-Titular de derechos fundamentales \u00a0 ACCION DE TUTELA-Improcedencia para resolver conflictos jur\u00eddicos \u00a0 PROCESO DE JURISDICCION COACTIVA-Definici\u00f3n\u00a0 \u00a0 PROCESO EJECUTIVO DE COBRO COACTIVO-Potestad del ISS\/PROCESO EJECUTIVO DE COBRO COACTIVO-Requisitos \u00a0 ACCION DE TUTELA-Hecho superado por cesar vulneraci\u00f3n al debido proceso\u00a0 \u00a0 Referencia: expediente T-964385 \u00a0 Peticionario: Vigilantes Mar\u00edtima Comercial Ltda. \u00a0 Procedencia: Tribunal Superior de Distrito Judicial de Cartagena \u00a0 Magistrado Ponente: \u00a0 Dr. MARCO GERARDO MONROY CABRA \u00a0 Bogota D.C., catorce (14) de abril de dos mil cinco (2005) \u00a0 La Sala Sexta de Revisi\u00f3n de tutelas de la ...<br \/><div class=\"pt-cv-rmwrap\"><a href=\"https:\/\/www.dmsjuridica.com\/buscador_20179478954\/corteconstitucionalcronologico202454587\/t-396-05\/\" class=\"_self pt-cv-readmore btn btn-success\" target=\"_self\">Ver Sentencia Completa...<\/a><\/div><\/div><\/div><\/div>\n<div class=\"col-md-12 col-sm-12 col-xs-12 pt-cv-content-item pt-cv-1-col\" ><div class='pt-cv-ifield'><a href=\"https:\/\/www.dmsjuridica.com\/buscador_20179478954\/corteconstitucionalcronologico202454587\/t-395-05\/\" class=\"_self pt-cv-href-thumbnail pt-cv-thumb-default\" target=\"_self\" ><\/a>\n<div class=\"pt-cv-taxoterm above_title\"><a href='https:\/\/www.dmsjuridica.com\/buscador_20179478954\/corteconstitucionalcronologico202454587\/category\/buscar-en-toda-la-corte\/2005\/tutelas-2005\/' title='Tutelas 2005' class='pt-cv-tax-tutelas-2005'>Tutelas 2005<\/a><\/div>\n<h4 class=\"pt-cv-title\"><a href=\"https:\/\/www.dmsjuridica.com\/buscador_20179478954\/corteconstitucionalcronologico202454587\/t-395-05\/\" class=\"_self\" target=\"_self\" >T-395-05<\/a><\/h4>\n<div class=\"pt-cv-content\">\u00a0 \u00a0 Sentencia T-395\/05 \u00a0 INAPLICACION DE NORMAS DEL PLAN OBLIGATORIO DE SALUD-Casos en que procede por exclusi\u00f3n de tratamientos y medicamentos de alto costo \u00a0 DERECHO A LA SALUD DEL ADULTO MAYOR-Fundamental por conexidad\/DERECHO A LA SALUD DEL ADULTO MAYOR-Fundamental aut\u00f3nomo \u00a0 Referencia: expediente T-1036076 \u00a0 Acci\u00f3n de tutela de la se\u00f1ora Yadira Aburad de Quintana contra SANITAS EPS.\u00a0 \u00a0 Magistrado Ponente:\u00a0 \u00a0 Dr. ALFREDO BELTR\u00c1N SIERRA. \u00a0 Bogot\u00e1, D.C., catorce (14) de \u00a0abril \u00a0de dos mil Cinco (2005). \u00a0 La Sala Segunda (2a.) de Revisi\u00f3n de la Corte Constitucional, integrada por los magistrados Alfredo Beltr\u00e1n Sierra, Manuel Jos\u00e9 ...<br \/><div class=\"pt-cv-rmwrap\"><a href=\"https:\/\/www.dmsjuridica.com\/buscador_20179478954\/corteconstitucionalcronologico202454587\/t-395-05\/\" class=\"_self pt-cv-readmore btn btn-success\" target=\"_self\">Ver Sentencia Completa...<\/a><\/div><\/div><\/div><\/div>\n<div class=\"col-md-12 col-sm-12 col-xs-12 pt-cv-content-item pt-cv-1-col\" ><div class='pt-cv-ifield'><a href=\"https:\/\/www.dmsjuridica.com\/buscador_20179478954\/corteconstitucionalcronologico202454587\/t-394-05\/\" class=\"_self pt-cv-href-thumbnail pt-cv-thumb-default\" target=\"_self\" ><\/a>\n<div class=\"pt-cv-taxoterm above_title\"><a href='https:\/\/www.dmsjuridica.com\/buscador_20179478954\/corteconstitucionalcronologico202454587\/category\/buscar-en-toda-la-corte\/2005\/tutelas-2005\/' title='Tutelas 2005' class='pt-cv-tax-tutelas-2005'>Tutelas 2005<\/a><\/div>\n<h4 class=\"pt-cv-title\"><a href=\"https:\/\/www.dmsjuridica.com\/buscador_20179478954\/corteconstitucionalcronologico202454587\/t-394-05\/\" class=\"_self\" target=\"_self\" >T-394-05<\/a><\/h4>\n<div class=\"pt-cv-content\">\u00a0 \u00a0 Sentencia T-394\/05 \u00a0 LICENCIA DE MATERNIDAD-Pago por tutela cuando afecta el m\u00ednimo vital de la madre y su hijo \u00a0 LICENCIA DE MATERNIDAD-Asunci\u00f3n de patrono por mora en aportes a EPS \u00a0 LICENCIA DE MATERNIDAD-Pago por allanamiento a la mora por EPS\u00a0 \u00a0 Referencia: expediente T-1058585 \u00a0 Acci\u00f3n de tutela instaurada por Martha Neme Prins contra Coomeva EPS. \u00a0 Magistrado Ponente:\u00a0 \u00a0 Dr. ALFREDO BELTR\u00c1N SIERRA. \u00a0 Bogot\u00e1, D.C., catorce (14) de abril de dos mil cinco (2005).\u00a0 \u00a0 La Sala Segunda de Revisi\u00f3n de la Corte Constitucional, integrada por los magistrados Alfredo Beltr\u00e1n Sierra, Manuel Jos\u00e9 Cepeda ...<br \/><div class=\"pt-cv-rmwrap\"><a href=\"https:\/\/www.dmsjuridica.com\/buscador_20179478954\/corteconstitucionalcronologico202454587\/t-394-05\/\" class=\"_self pt-cv-readmore btn btn-success\" target=\"_self\">Ver Sentencia Completa...<\/a><\/div><\/div><\/div><\/div>\n<div class=\"col-md-12 col-sm-12 col-xs-12 pt-cv-content-item pt-cv-1-col\" ><div class='pt-cv-ifield'><a href=\"https:\/\/www.dmsjuridica.com\/buscador_20179478954\/corteconstitucionalcronologico202454587\/t-393-05\/\" class=\"_self pt-cv-href-thumbnail pt-cv-thumb-default\" target=\"_self\" ><\/a>\n<div class=\"pt-cv-taxoterm above_title\"><a href='https:\/\/www.dmsjuridica.com\/buscador_20179478954\/corteconstitucionalcronologico202454587\/category\/buscar-en-toda-la-corte\/2005\/tutelas-2005\/' title='Tutelas 2005' class='pt-cv-tax-tutelas-2005'>Tutelas 2005<\/a><\/div>\n<h4 class=\"pt-cv-title\"><a href=\"https:\/\/www.dmsjuridica.com\/buscador_20179478954\/corteconstitucionalcronologico202454587\/t-393-05\/\" class=\"_self\" target=\"_self\" >T-393-05<\/a><\/h4>\n<div class=\"pt-cv-content\">\u00a0 \u00a0 Sentencia T-393\/05 \u00a0 DERECHO A LA SALUD DEL NI\u00d1O-Fundamental aut\u00f3nomo \u00a0 DERECHO A LA SALUD DEL NI\u00d1O-Obligaci\u00f3n de la ARS de suministrar medicamento comercial ordenado por el m\u00e9dico y no el gen\u00e9rico \u00a0 Referencia: expediente T-1062357 \u00a0 Acci\u00f3n de tutela de Maria Jazm\u00edn Bautista Aponte en representaci\u00f3n de su menor hija Cindy Lorena Bautista, contra Hospital La Victoria Nivel III E.S.E.\u00a0 \u00a0 Procedencia: Juzgado Cuarenta y Dos Civil Municipal de Bogot\u00e1. \u00a0 Magistrado Ponente: \u00a0 Dr. ALFREDO BELTR\u00c1N SIERRA. \u00a0 Bogot\u00e1, D.C., catorce (14) de abril de dos mil cinco (2005). \u00a0 La Sala Segunda (2a.) de Revisi\u00f3n ...<br \/><div class=\"pt-cv-rmwrap\"><a href=\"https:\/\/www.dmsjuridica.com\/buscador_20179478954\/corteconstitucionalcronologico202454587\/t-393-05\/\" class=\"_self pt-cv-readmore btn btn-success\" target=\"_self\">Ver Sentencia Completa...<\/a><\/div><\/div><\/div><\/div>\n<div class=\"col-md-12 col-sm-12 col-xs-12 pt-cv-content-item pt-cv-1-col\" ><div class='pt-cv-ifield'><a href=\"https:\/\/www.dmsjuridica.com\/buscador_20179478954\/corteconstitucionalcronologico202454587\/t-392-05\/\" class=\"_self pt-cv-href-thumbnail pt-cv-thumb-default\" target=\"_self\" ><\/a>\n<div class=\"pt-cv-taxoterm above_title\"><a href='https:\/\/www.dmsjuridica.com\/buscador_20179478954\/corteconstitucionalcronologico202454587\/category\/buscar-en-toda-la-corte\/2005\/tutelas-2005\/' title='Tutelas 2005' class='pt-cv-tax-tutelas-2005'>Tutelas 2005<\/a><\/div>\n<h4 class=\"pt-cv-title\"><a href=\"https:\/\/www.dmsjuridica.com\/buscador_20179478954\/corteconstitucionalcronologico202454587\/t-392-05\/\" class=\"_self\" target=\"_self\" >T-392-05<\/a><\/h4>\n<div class=\"pt-cv-content\">\u00a0 \u00a0 Sentencia T-392\/05 \u00a0 DERECHO A LA ESTABILIDAD LABORAL-No se limita por ocupar cargo de carrera en provisionalidad \u00a0 CARGO DE CARRERA EN PROVISIONALIDAD-Procedencia de tutela por desvinculaci\u00f3n\/DEBIDO PROCESO-Vulneraci\u00f3n por no motivarse el acto de insubsistencia de empleado en provisionalidad ocupando cargo de carrera \u00a0 PERJUICIO IRREMEDIABLE-Elementos para que se configure \u00a0 Referencia: expediente T-1024047 \u00a0 Acci\u00f3n de tutela del se\u00f1or Justo Armando Porras Ahumada, contra la Fiscal\u00eda General de la Naci\u00f3n.\u00a0 \u00a0 Magistrado Ponente:\u00a0 \u00a0 Dr. ALFREDO BELTR\u00c1N SIERRA. \u00a0 Bogot\u00e1, D.C., catorce (14) de abril \u00a0de dos mil Cinco (2005). \u00a0 La Sala Segunda (2a.) de Revisi\u00f3n ...<br \/><div class=\"pt-cv-rmwrap\"><a href=\"https:\/\/www.dmsjuridica.com\/buscador_20179478954\/corteconstitucionalcronologico202454587\/t-392-05\/\" class=\"_self pt-cv-readmore btn btn-success\" target=\"_self\">Ver Sentencia Completa...<\/a><\/div><\/div><\/div><\/div>\n<div class=\"col-md-12 col-sm-12 col-xs-12 pt-cv-content-item pt-cv-1-col\" ><div class='pt-cv-ifield'><a href=\"https:\/\/www.dmsjuridica.com\/buscador_20179478954\/corteconstitucionalcronologico202454587\/t-391-05\/\" class=\"_self pt-cv-href-thumbnail pt-cv-thumb-default\" target=\"_self\" ><\/a>\n<div class=\"pt-cv-taxoterm above_title\"><a href='https:\/\/www.dmsjuridica.com\/buscador_20179478954\/corteconstitucionalcronologico202454587\/category\/buscar-en-toda-la-corte\/2005\/tutelas-2005\/' title='Tutelas 2005' class='pt-cv-tax-tutelas-2005'>Tutelas 2005<\/a><\/div>\n<h4 class=\"pt-cv-title\"><a href=\"https:\/\/www.dmsjuridica.com\/buscador_20179478954\/corteconstitucionalcronologico202454587\/t-391-05\/\" class=\"_self\" target=\"_self\" >T-391-05<\/a><\/h4>\n<div class=\"pt-cv-content\">\u00a0 \u00a0 Sentencia T-391\/05 \u00a0 ACCION DE TUTELA CONTRA PROVIDENCIAS JUDICIALES POR VIA DE HECHO-Procedencia excepcional \u00a0 LEY MARCO DE VIVIENDA-Alcance y objetivo\u00a0 \u00a0 PROCESO EJECUTIVO HIPOTECARIO-Reliquidaci\u00f3n del cr\u00e9dito da lugar a la suspensi\u00f3n o terminaci\u00f3n del proceso seg\u00fan la ley 546 de 1999 \u00a0 PROCESO EJECUTIVO HIPOTECARIO-Alcance de la sentencia C-955 de 2000\/PROCESO EJECUTIVO HIPOTECARIO-Reliquidaci\u00f3n autom\u00e1tica\/PROCESO EJECUTIVO HIPOTECARIO-Terminaci\u00f3n y archivo de procesos en curso a 31 de diciembre de 1999 \u00a0 CREDITO EJECUTIVO HIPOTECARIO-Una vez reliquidado se debe reestructurar \u00a0 Referencia: expediente T-1018560 \u00a0 Acci\u00f3n de tutela de Nader Romano Mois\u00e9s Jacob, contra el Juzgado Doce Civil del Circuito ...<br \/><div class=\"pt-cv-rmwrap\"><a href=\"https:\/\/www.dmsjuridica.com\/buscador_20179478954\/corteconstitucionalcronologico202454587\/t-391-05\/\" class=\"_self pt-cv-readmore btn btn-success\" target=\"_self\">Ver Sentencia Completa...<\/a><\/div><\/div><\/div><\/div>\n<div class=\"col-md-12 col-sm-12 col-xs-12 pt-cv-content-item pt-cv-1-col\" ><div class='pt-cv-ifield'><a href=\"https:\/\/www.dmsjuridica.com\/buscador_20179478954\/corteconstitucionalcronologico202454587\/t-390-05\/\" class=\"_self pt-cv-href-thumbnail pt-cv-thumb-default\" target=\"_self\" ><\/a>\n<div class=\"pt-cv-taxoterm above_title\"><a href='https:\/\/www.dmsjuridica.com\/buscador_20179478954\/corteconstitucionalcronologico202454587\/category\/buscar-en-toda-la-corte\/2005\/tutelas-2005\/' title='Tutelas 2005' class='pt-cv-tax-tutelas-2005'>Tutelas 2005<\/a><\/div>\n<h4 class=\"pt-cv-title\"><a href=\"https:\/\/www.dmsjuridica.com\/buscador_20179478954\/corteconstitucionalcronologico202454587\/t-390-05\/\" class=\"_self\" target=\"_self\" >T-390-05<\/a><\/h4>\n<div class=\"pt-cv-content\">\u00a0 \u00a0 Sentencia T-390\/05 \u00a0 DERECHO A LA FILIACION-Elemento integrador del estado civil de las personas\/ESTADO CIVIL DE LAS PERSONAS-Alcance \u00a0 DERECHOS FUNDAMENTALES DEL NI\u00d1O-A tener un nombre y una nacionalidad \u00a0 ACCION DE TUTELA CONTRA PROVIDENCIAS JUDICIALES POR VIA DE HECHO-Procedencia excepcional \u00a0 VIA DE HECHO-Clases de defectos en la actuaci\u00f3n \u00a0 ACCION DE TUTELA CONTRA PROVIDENCIAS JUDICIALES POR VIA DE HECHO-Improcedencia por no haber ejercido los mecanismos de defensa judicial \u00a0 Referencia: expediente T-1010135 \u00a0 Peticionario: Jos\u00e9 Ignacio Estrada Arango \u00a0 Magistrado Ponente: \u00a0 Dr. ALFREDO BELTR\u00c1N SIERRA \u00a0 Bogot\u00e1, D. C., catorce (14) de abril de dos ...<br \/><div class=\"pt-cv-rmwrap\"><a href=\"https:\/\/www.dmsjuridica.com\/buscador_20179478954\/corteconstitucionalcronologico202454587\/t-390-05\/\" class=\"_self pt-cv-readmore btn btn-success\" target=\"_self\">Ver Sentencia Completa...<\/a><\/div><\/div><\/div><\/div>\n<div class=\"col-md-12 col-sm-12 col-xs-12 pt-cv-content-item pt-cv-1-col\" ><div class='pt-cv-ifield'><a href=\"https:\/\/www.dmsjuridica.com\/buscador_20179478954\/corteconstitucionalcronologico202454587\/t-387-05\/\" class=\"_self pt-cv-href-thumbnail pt-cv-thumb-default\" target=\"_self\" ><\/a>\n<div class=\"pt-cv-taxoterm above_title\"><a href='https:\/\/www.dmsjuridica.com\/buscador_20179478954\/corteconstitucionalcronologico202454587\/category\/buscar-en-toda-la-corte\/2005\/tutelas-2005\/' title='Tutelas 2005' class='pt-cv-tax-tutelas-2005'>Tutelas 2005<\/a><\/div>\n<h4 class=\"pt-cv-title\"><a href=\"https:\/\/www.dmsjuridica.com\/buscador_20179478954\/corteconstitucionalcronologico202454587\/t-387-05\/\" class=\"_self\" target=\"_self\" >T-387-05<\/a><\/h4>\n<div class=\"pt-cv-content\">\u00a0 \u00a0 Sentencia T-387\/05 \u00a0 DERECHO A LA SALUD-Fundamental por conexidad con la vida digna\/INAPLICACION DE NORMAS DEL PLAN OBLIGATORIO DE SALUD-Exclusi\u00f3n de tratamientos y medicamentos \u00a0 Reiteraci\u00f3n de jurisprudencia\u00a0 \u00a0 Referencia: expediente T-1019688 \u00a0 Peticionario: Manuel Jos\u00e9 Narv\u00e1ez \u00a0 Entidad accionada: Seguro Social Seccional Cauca E.P.S. \u00a0 Dr. RODRIGO ESCOBAR GIL \u00a0 Bogot\u00e1, D. C., doce (12) de abril de dos mil cinco (2005). \u00a0 La Sala Quinta de Revisi\u00f3n de la Corte Constitucional, integrada por los Magistrados Rodrigo Escobar Gil - Presidente -, Marco Gerardo Monroy Cabra y Humberto Antonio Sierra Porto, en ejercicio de sus competencias constitucionales ...<br \/><div class=\"pt-cv-rmwrap\"><a href=\"https:\/\/www.dmsjuridica.com\/buscador_20179478954\/corteconstitucionalcronologico202454587\/t-387-05\/\" class=\"_self pt-cv-readmore btn btn-success\" target=\"_self\">Ver Sentencia Completa...<\/a><\/div><\/div><\/div><\/div>\n<div class=\"col-md-12 col-sm-12 col-xs-12 pt-cv-content-item pt-cv-1-col\" ><div class='pt-cv-ifield'><a href=\"https:\/\/www.dmsjuridica.com\/buscador_20179478954\/corteconstitucionalcronologico202454587\/t-386-05\/\" class=\"_self pt-cv-href-thumbnail pt-cv-thumb-default\" target=\"_self\" ><\/a>\n<div class=\"pt-cv-taxoterm above_title\"><a href='https:\/\/www.dmsjuridica.com\/buscador_20179478954\/corteconstitucionalcronologico202454587\/category\/buscar-en-toda-la-corte\/2005\/tutelas-2005\/' title='Tutelas 2005' class='pt-cv-tax-tutelas-2005'>Tutelas 2005<\/a><\/div>\n<h4 class=\"pt-cv-title\"><a href=\"https:\/\/www.dmsjuridica.com\/buscador_20179478954\/corteconstitucionalcronologico202454587\/t-386-05\/\" class=\"_self\" target=\"_self\" >T-386-05<\/a><\/h4>\n<div class=\"pt-cv-content\">\u00a0 \u00a0 Exp. T-857.725 \u00a0 Sentencia T-386\/05 \u00a0 ACCION DE TUTELA PARA RELIQUIDACION DE PENSIONES-Criterios jurisprudenciales para la procedencia excepcional\u00a0 \u00a0 REGIMEN ESPECIAL VIGENTE PARA LA RAMA JUDICIAL Y EL MINISTERIO PUBLICO-Decreto 546 de 1971\/REGIMEN DE TRANSICION EN PENSIONES-Consagrado para servidores p\u00fablicos en r\u00e9gimen de prima media con prestaci\u00f3n definida \u00a0 PRINCIPIO DE FAVORABILIDAD EN PENSIONES-Vulneraci\u00f3n por no aplicaci\u00f3n del r\u00e9gimen de transici\u00f3n\u00a0 \u00a0 ACCION DE TUTELA PARA RELIQUIDACION DE PENSIONES-Improcedencia por no cumplir con los criterios jurisprudenciales para la procedencia excepcional \u00a0 Referencia: expediente T-857725 \u00a0 Accionante: Te\u00f3filo Mojica Blanco\u00a0 \u00a0 Demandado: Caja Nacional de Previsi\u00f3n Social -Seccional Bogot\u00e1-\u00a0 ...<br \/><div class=\"pt-cv-rmwrap\"><a href=\"https:\/\/www.dmsjuridica.com\/buscador_20179478954\/corteconstitucionalcronologico202454587\/t-386-05\/\" class=\"_self pt-cv-readmore btn btn-success\" target=\"_self\">Ver Sentencia Completa...<\/a><\/div><\/div><\/div><\/div>\n<div class=\"col-md-12 col-sm-12 col-xs-12 pt-cv-content-item pt-cv-1-col\" ><div class='pt-cv-ifield'><a href=\"https:\/\/www.dmsjuridica.com\/buscador_20179478954\/corteconstitucionalcronologico202454587\/t-385-05\/\" class=\"_self pt-cv-href-thumbnail pt-cv-thumb-default\" target=\"_self\" ><\/a>\n<div class=\"pt-cv-taxoterm above_title\"><a href='https:\/\/www.dmsjuridica.com\/buscador_20179478954\/corteconstitucionalcronologico202454587\/category\/buscar-en-toda-la-corte\/2005\/tutelas-2005\/' title='Tutelas 2005' class='pt-cv-tax-tutelas-2005'>Tutelas 2005<\/a><\/div>\n<h4 class=\"pt-cv-title\"><a href=\"https:\/\/www.dmsjuridica.com\/buscador_20179478954\/corteconstitucionalcronologico202454587\/t-385-05\/\" class=\"_self\" target=\"_self\" >T-385-05<\/a><\/h4>\n<div class=\"pt-cv-content\">\u00a0 \u00a0 Sentencia T-385\/05 \u00a0 COMITE DE DERECHOS HUMANOS-Naturaleza y funciones \u00a0 Las funciones del Comit\u00e9 est\u00e1n se\u00f1aladas en el mismo pacto, en el Protocolo Facultativo del Pacto Internacional de Derechos Civiles y Pol\u00edticos \u00a0y en el Reglamento del Comit\u00e9 de Derechos Humanos. Se trata de un organismo que no tiene naturaleza jurisdiccional y que b\u00e1sicamente pretende vigilar el cumplimiento de las obligaciones adquiridas por los Estados al suscribir el tratado y difundir la interpretaci\u00f3n de los derechos protegidos por \u00e9l, con la finalidad de guiar a los organismos ejecutores a nivel interno en la aplicaci\u00f3n correcta de las normas ...<br \/><div class=\"pt-cv-rmwrap\"><a href=\"https:\/\/www.dmsjuridica.com\/buscador_20179478954\/corteconstitucionalcronologico202454587\/t-385-05\/\" class=\"_self pt-cv-readmore btn btn-success\" target=\"_self\">Ver Sentencia Completa...<\/a><\/div><\/div><\/div><\/div>\n<div class=\"col-md-12 col-sm-12 col-xs-12 pt-cv-content-item pt-cv-1-col\" ><div class='pt-cv-ifield'><a href=\"https:\/\/www.dmsjuridica.com\/buscador_20179478954\/corteconstitucionalcronologico202454587\/t-384-05\/\" class=\"_self pt-cv-href-thumbnail pt-cv-thumb-default\" target=\"_self\" ><\/a>\n<div class=\"pt-cv-taxoterm above_title\"><a href='https:\/\/www.dmsjuridica.com\/buscador_20179478954\/corteconstitucionalcronologico202454587\/category\/buscar-en-toda-la-corte\/2005\/tutelas-2005\/' title='Tutelas 2005' class='pt-cv-tax-tutelas-2005'>Tutelas 2005<\/a><\/div>\n<h4 class=\"pt-cv-title\"><a href=\"https:\/\/www.dmsjuridica.com\/buscador_20179478954\/corteconstitucionalcronologico202454587\/t-384-05\/\" class=\"_self\" target=\"_self\" >T-384-05<\/a><\/h4>\n<div class=\"pt-cv-content\">\u00a0 \u00a0 Sentencia T-384\/05 \u00a0 CONCURSO DE MERITOS-Finalidad\u00a0 \u00a0 El concurso es, de manera general, un instrumento de selecci\u00f3n que tiene como finalidad establecer la capacidad, idoneidad y potencialidad del aspirante para desempe\u00f1ar con eficiencia las funciones y responsabilidades de un cargo. Para la valoraci\u00f3n de estos factores deber\u00e1n emplearse, seg\u00fan se se\u00f1ala en la ley, medios t\u00e9cnicos, que respondan a criterios de objetividad e imparcialidad con par\u00e1metros previamente determinados.\u00a0 \u00a0 CARRERA ADMINISTRATIVA-Principio en los procesos de selecci\u00f3n\u00a0 \u00a0 CARRERA JUDICIAL-Etapas del sistema de ingreso a los cargos de carrera \u00a0 De acuerdo con el art\u00edculo 162 de la Ley ...<br \/><div class=\"pt-cv-rmwrap\"><a href=\"https:\/\/www.dmsjuridica.com\/buscador_20179478954\/corteconstitucionalcronologico202454587\/t-384-05\/\" class=\"_self pt-cv-readmore btn btn-success\" target=\"_self\">Ver Sentencia Completa...<\/a><\/div><\/div><\/div><\/div>\n<div class=\"col-md-12 col-sm-12 col-xs-12 pt-cv-content-item pt-cv-1-col\" ><div class='pt-cv-ifield'><a href=\"https:\/\/www.dmsjuridica.com\/buscador_20179478954\/corteconstitucionalcronologico202454587\/t-380-05\/\" class=\"_self pt-cv-href-thumbnail pt-cv-thumb-default\" target=\"_self\" ><\/a>\n<div class=\"pt-cv-taxoterm above_title\"><a href='https:\/\/www.dmsjuridica.com\/buscador_20179478954\/corteconstitucionalcronologico202454587\/category\/buscar-en-toda-la-corte\/2005\/tutelas-2005\/' title='Tutelas 2005' class='pt-cv-tax-tutelas-2005'>Tutelas 2005<\/a><\/div>\n<h4 class=\"pt-cv-title\"><a href=\"https:\/\/www.dmsjuridica.com\/buscador_20179478954\/corteconstitucionalcronologico202454587\/t-380-05\/\" class=\"_self\" target=\"_self\" >T-380-05<\/a><\/h4>\n<div class=\"pt-cv-content\">\u00a0 \u00a0 Sentencia T-380\/05 \u00a0 LEY ESTATUTARIA DE ADMINISTRACION DE JUSTICIA EN CARRERA JUDICIAL-Regulaci\u00f3n \u00a0 CARRERA JUDICIAL-Requisitos y condiciones \u00a0 CARRERA JUDICIAL-Condiciones y t\u00e9rminos del concurso\u00a0 \u00a0 CARRERA JUDICIAL-Documentaci\u00f3n que debe aportarse para acreditar la experiencia profesional \u00a0 CARRERA JUDICIAL-Negaci\u00f3n del recurso interpuesto contra el acto mediante el cual se publicaron los puntajes por no haber aportado documentaci\u00f3n dentro del t\u00e9rmino \u00a0 No escapa a la Sala que la actora interpuso recurso de reposici\u00f3n contra la Resoluci\u00f3n No.1751 para efectos de que se tuviera en cuenta su experiencia laboral como funcionaria de la Fiscal\u00eda General de la Naci\u00f3n y como ...<br \/><div class=\"pt-cv-rmwrap\"><a href=\"https:\/\/www.dmsjuridica.com\/buscador_20179478954\/corteconstitucionalcronologico202454587\/t-380-05\/\" class=\"_self pt-cv-readmore btn btn-success\" target=\"_self\">Ver Sentencia Completa...<\/a><\/div><\/div><\/div><\/div>\n<div class=\"col-md-12 col-sm-12 col-xs-12 pt-cv-content-item pt-cv-1-col\" ><div class='pt-cv-ifield'><a href=\"https:\/\/www.dmsjuridica.com\/buscador_20179478954\/corteconstitucionalcronologico202454587\/t-379-05\/\" class=\"_self pt-cv-href-thumbnail pt-cv-thumb-default\" target=\"_self\" ><\/a>\n<div class=\"pt-cv-taxoterm above_title\"><a href='https:\/\/www.dmsjuridica.com\/buscador_20179478954\/corteconstitucionalcronologico202454587\/category\/buscar-en-toda-la-corte\/2005\/tutelas-2005\/' title='Tutelas 2005' class='pt-cv-tax-tutelas-2005'>Tutelas 2005<\/a><\/div>\n<h4 class=\"pt-cv-title\"><a href=\"https:\/\/www.dmsjuridica.com\/buscador_20179478954\/corteconstitucionalcronologico202454587\/t-379-05\/\" class=\"_self\" target=\"_self\" >T-379-05<\/a><\/h4>\n<div class=\"pt-cv-content\">\u00a0 \u00a0 Sentencia T-379\/05 \u00a0 ACCION DE TUTELA-Informalidad \u00a0 AGENCIA OFICIOSA EN TUTELA-Elementos que deben configurarse \u00a0 El Art\u00edculo 10 del Decreto 2591 de 1991 dispone que se pueden agenciar derechos ajenos cuando el titular de los mismos no est\u00e9 en condiciones de promover su propia defensa, pero que \u201ccuando tal circunstancia ocurra, deber\u00e1 manifestarse en la solicitud\u201d. Seg\u00fan la norma, es preciso que concurran dos elementos para que se configure la agencia oficiosa: (1) que el directamente afectado no est\u00e9 en condiciones de promover su propia defensa y (2) que tal situaci\u00f3n se manifieste claramente en el escrito. Debe ...<br \/><div class=\"pt-cv-rmwrap\"><a href=\"https:\/\/www.dmsjuridica.com\/buscador_20179478954\/corteconstitucionalcronologico202454587\/t-379-05\/\" class=\"_self pt-cv-readmore btn btn-success\" target=\"_self\">Ver Sentencia Completa...<\/a><\/div><\/div><\/div><\/div>\n<div class=\"col-md-12 col-sm-12 col-xs-12 pt-cv-content-item pt-cv-1-col\" ><div class='pt-cv-ifield'><a href=\"https:\/\/www.dmsjuridica.com\/buscador_20179478954\/corteconstitucionalcronologico202454587\/t-378-05\/\" class=\"_self pt-cv-href-thumbnail pt-cv-thumb-default\" target=\"_self\" ><\/a>\n<div class=\"pt-cv-taxoterm above_title\"><a href='https:\/\/www.dmsjuridica.com\/buscador_20179478954\/corteconstitucionalcronologico202454587\/category\/buscar-en-toda-la-corte\/2005\/tutelas-2005\/' title='Tutelas 2005' class='pt-cv-tax-tutelas-2005'>Tutelas 2005<\/a><\/div>\n<h4 class=\"pt-cv-title\"><a href=\"https:\/\/www.dmsjuridica.com\/buscador_20179478954\/corteconstitucionalcronologico202454587\/t-378-05\/\" class=\"_self\" target=\"_self\" >T-378-05<\/a><\/h4>\n<div class=\"pt-cv-content\">DERECHOS ECONOMICOS, SOCIALES Y CULTURALES-Fundamentales aut\u00f3nomos a pesar de su car\u00e1cter prestacional y program\u00e1tico\u00a0 \u00a0 DERECHO A LA SALUD-Fundamental aut\u00f3nomo \u00a0 DERECHO A LA VIDA DIGNA-Alcance\/INAPLICACION DE NORMAS DEL PLAN OBLIGATORIO DE SALUD-Hip\u00f3tesis f\u00e1cticas que la determinan \u00a0 Reiteraci\u00f3n de Jurisprudencia \u00a0 Referencia: expediente T-1015828 \u00a0 Acci\u00f3n de tutela instaurada por Esneda Astaiza contra el Seguro Social. \u00a0 Magistrado Ponente: \u00a0 Dr. JAIME C\u00d3RDOBA TRIVI\u00d1O \u00a0 Bogot\u00e1 D.C., doce (12) de abril de dos mil cinco (2005). \u00a0 La Sala Cuarta de Revisi\u00f3n de la Corte Constitucional, en ejercicio de sus competencias constitucionales y legales, espec\u00edficamente las previstas en los ...<br \/><div class=\"pt-cv-rmwrap\"><a href=\"https:\/\/www.dmsjuridica.com\/buscador_20179478954\/corteconstitucionalcronologico202454587\/t-378-05\/\" class=\"_self pt-cv-readmore btn btn-success\" target=\"_self\">Ver Sentencia Completa...<\/a><\/div><\/div><\/div><\/div>\n<div class=\"col-md-12 col-sm-12 col-xs-12 pt-cv-content-item pt-cv-1-col\" ><div class='pt-cv-ifield'><a href=\"https:\/\/www.dmsjuridica.com\/buscador_20179478954\/corteconstitucionalcronologico202454587\/t-377-05\/\" class=\"_self pt-cv-href-thumbnail pt-cv-thumb-default\" target=\"_self\" ><\/a>\n<div class=\"pt-cv-taxoterm above_title\"><a href='https:\/\/www.dmsjuridica.com\/buscador_20179478954\/corteconstitucionalcronologico202454587\/category\/buscar-en-toda-la-corte\/2005\/tutelas-2005\/' title='Tutelas 2005' class='pt-cv-tax-tutelas-2005'>Tutelas 2005<\/a><\/div>\n<h4 class=\"pt-cv-title\"><a href=\"https:\/\/www.dmsjuridica.com\/buscador_20179478954\/corteconstitucionalcronologico202454587\/t-377-05\/\" class=\"_self\" target=\"_self\" >T-377-05<\/a><\/h4>\n<div class=\"pt-cv-content\">\u00a0 \u00a0 Sentencia T-377\/05 \u00a0 DERECHO A LA SALUD-Fundamental por conexidad con la vida digna \u00a0 INAPLICACION DE NORMAS DEL PLAN OBLIGATORIO DE SALUD- Hip\u00f3tesis f\u00e1cticas que la determinan \u00a0 ACCION DE TUTELA-Improcedencia por no cumplir con los criterios jurisprudenciales para que se ordene suministro de medicamentos no incluidos en el POS \u00a0 Referencia: expediente T-1025947 \u00a0 Acci\u00f3n de tutela instaurada por Esperanza Palacios contra COOMEVA EPS. \u00a0 Magistrado Ponente: \u00a0 Dr. ALVARO TAFUR GALVIS \u00a0 Bogot\u00e1 D. C., once (11) de abril de dos mil cinco (2005). \u00a0 La Sala Octava de Revisi\u00f3n de la Corte Constitucional, integrada por ...<br \/><div class=\"pt-cv-rmwrap\"><a href=\"https:\/\/www.dmsjuridica.com\/buscador_20179478954\/corteconstitucionalcronologico202454587\/t-377-05\/\" class=\"_self pt-cv-readmore btn btn-success\" target=\"_self\">Ver Sentencia Completa...<\/a><\/div><\/div><\/div><\/div>\n<div class=\"col-md-12 col-sm-12 col-xs-12 pt-cv-content-item pt-cv-1-col\" ><div class='pt-cv-ifield'><a href=\"https:\/\/www.dmsjuridica.com\/buscador_20179478954\/corteconstitucionalcronologico202454587\/t-376-05\/\" class=\"_self pt-cv-href-thumbnail pt-cv-thumb-default\" target=\"_self\" ><\/a>\n<div class=\"pt-cv-taxoterm above_title\"><a href='https:\/\/www.dmsjuridica.com\/buscador_20179478954\/corteconstitucionalcronologico202454587\/category\/buscar-en-toda-la-corte\/2005\/tutelas-2005\/' title='Tutelas 2005' class='pt-cv-tax-tutelas-2005'>Tutelas 2005<\/a><\/div>\n<h4 class=\"pt-cv-title\"><a href=\"https:\/\/www.dmsjuridica.com\/buscador_20179478954\/corteconstitucionalcronologico202454587\/t-376-05\/\" class=\"_self\" target=\"_self\" >T-376-05<\/a><\/h4>\n<div class=\"pt-cv-content\">\u00a0 \u00a0 Sentencia T-376\/05 \u00a0 PROCESO EJECUTIVO HIPOTECARIO-Formas propias de suspensi\u00f3n y terminaci\u00f3n de procesos \u00a0 Es cierto que los procesos judiciales finalizan mediante sentencias que declaran o niegan las pretensiones que se demandan, y que en ocasiones terminan porque el demandante desiste de continuar con el asunto, las partes resuelven transar la raz\u00f3n de sus divergencias, o prospera alguna excepci\u00f3n, de aquellas que impiden pronunciamientos definitivos sobre la litis; tambi\u00e9n lo es que los procesos Ejecutivos finalizan cuando el obligado satisface la obligaci\u00f3n, antes del remate de los bienes embargados y secuestrados, y no puede desconocerse que los procesos ...<br \/><div class=\"pt-cv-rmwrap\"><a href=\"https:\/\/www.dmsjuridica.com\/buscador_20179478954\/corteconstitucionalcronologico202454587\/t-376-05\/\" class=\"_self pt-cv-readmore btn btn-success\" target=\"_self\">Ver Sentencia Completa...<\/a><\/div><\/div><\/div><\/div>\n<div class=\"col-md-12 col-sm-12 col-xs-12 pt-cv-content-item pt-cv-1-col\" ><div class='pt-cv-ifield'><a href=\"https:\/\/www.dmsjuridica.com\/buscador_20179478954\/corteconstitucionalcronologico202454587\/t-375-05\/\" class=\"_self pt-cv-href-thumbnail pt-cv-thumb-default\" target=\"_self\" ><\/a>\n<div class=\"pt-cv-taxoterm above_title\"><a href='https:\/\/www.dmsjuridica.com\/buscador_20179478954\/corteconstitucionalcronologico202454587\/category\/buscar-en-toda-la-corte\/2005\/tutelas-2005\/' title='Tutelas 2005' class='pt-cv-tax-tutelas-2005'>Tutelas 2005<\/a><\/div>\n<h4 class=\"pt-cv-title\"><a href=\"https:\/\/www.dmsjuridica.com\/buscador_20179478954\/corteconstitucionalcronologico202454587\/t-375-05\/\" class=\"_self\" target=\"_self\" >T-375-05<\/a><\/h4>\n<div class=\"pt-cv-content\">\u00a0 \u00a0 Sentencia T-375\/05 \u00a0 LICENCIA DE MATERNIDAD-Procedencia excepcional de tutela para el pago\/LICENCIA DE MATERNIDAD-Pago por tutela cuando afecta el m\u00ednimo vital de la madre y su hijo \u00a0 MUJER EMBARAZADA-Protecci\u00f3n constitucional especial\/LICENCIA DE MATERNIDAD-Protecci\u00f3n especial al menor \u00a0 LICENCIA DE MATERNIDAD-Pago por allanamiento a la mora por EPS \u00a0 Referencia: expediente T-1017561 \u00a0 Acci\u00f3n de tutela instaurada por MARTHA LILIANA CASTRO G\u00d3MEZ contra COMPENSAR E.P.S. \u00a0 Magistrado Ponente: \u00a0 Bogot\u00e1, D.C., \u00a0once (11) de abril de dos mil cinco (2005). \u00a0 La Sala Octava de Revisi\u00f3n de la Corte Constitucional, integrada por los magistrados Clara In\u00e9s Vargas Hern\u00e1ndez, ...<br \/><div class=\"pt-cv-rmwrap\"><a href=\"https:\/\/www.dmsjuridica.com\/buscador_20179478954\/corteconstitucionalcronologico202454587\/t-375-05\/\" class=\"_self pt-cv-readmore btn btn-success\" target=\"_self\">Ver Sentencia Completa...<\/a><\/div><\/div><\/div><\/div>\n<div class=\"col-md-12 col-sm-12 col-xs-12 pt-cv-content-item pt-cv-1-col\" ><div class='pt-cv-ifield'><a href=\"https:\/\/www.dmsjuridica.com\/buscador_20179478954\/corteconstitucionalcronologico202454587\/t-374-05\/\" class=\"_self pt-cv-href-thumbnail pt-cv-thumb-default\" target=\"_self\" ><\/a>\n<div class=\"pt-cv-taxoterm above_title\"><a href='https:\/\/www.dmsjuridica.com\/buscador_20179478954\/corteconstitucionalcronologico202454587\/category\/buscar-en-toda-la-corte\/2005\/tutelas-2005\/' title='Tutelas 2005' class='pt-cv-tax-tutelas-2005'>Tutelas 2005<\/a><\/div>\n<h4 class=\"pt-cv-title\"><a href=\"https:\/\/www.dmsjuridica.com\/buscador_20179478954\/corteconstitucionalcronologico202454587\/t-374-05\/\" class=\"_self\" target=\"_self\" >T-374-05<\/a><\/h4>\n<div class=\"pt-cv-content\">\u00a0 \u00a0 Sentencia T-374\/05 \u00a0 CARGO DE CARRERA EN PROVISIONALIDAD-Procedencia de tutela por desvinculaci\u00f3n\/DEBIDO PROCESO-Vulneraci\u00f3n por no motivarse el acto de insubsistencia de empleada en provisionalidad ocupando cargo de carrera \u00a0 La jurisprudencia constitucional ha se\u00f1alado que cuando sin motivaci\u00f3n alguna se produce la desvinculaci\u00f3n del servicio de una persona que ocupa en provisionalidad un cargo de carrera, puede plantearse una pretensi\u00f3n constitucional aut\u00f3noma, orientada, no a obtener el reintegro, sino la motivaci\u00f3n del acto de desvinculaci\u00f3n del servicio. Al respecto esta Corporaci\u00f3n ha reconocido que no hay mecanismo alternativo de defensa judicial para obtener que la Administraci\u00f3n produzca la ...<br \/><div class=\"pt-cv-rmwrap\"><a href=\"https:\/\/www.dmsjuridica.com\/buscador_20179478954\/corteconstitucionalcronologico202454587\/t-374-05\/\" class=\"_self pt-cv-readmore btn btn-success\" target=\"_self\">Ver Sentencia Completa...<\/a><\/div><\/div><\/div><\/div>\n<div class=\"col-md-12 col-sm-12 col-xs-12 pt-cv-content-item pt-cv-1-col\" ><div class='pt-cv-ifield'><a href=\"https:\/\/www.dmsjuridica.com\/buscador_20179478954\/corteconstitucionalcronologico202454587\/t-373-05\/\" class=\"_self pt-cv-href-thumbnail pt-cv-thumb-default\" target=\"_self\" ><\/a>\n<div class=\"pt-cv-taxoterm above_title\"><a href='https:\/\/www.dmsjuridica.com\/buscador_20179478954\/corteconstitucionalcronologico202454587\/category\/buscar-en-toda-la-corte\/2005\/tutelas-2005\/' title='Tutelas 2005' class='pt-cv-tax-tutelas-2005'>Tutelas 2005<\/a><\/div>\n<h4 class=\"pt-cv-title\"><a href=\"https:\/\/www.dmsjuridica.com\/buscador_20179478954\/corteconstitucionalcronologico202454587\/t-373-05\/\" class=\"_self\" target=\"_self\" >T-373-05<\/a><\/h4>\n<div class=\"pt-cv-content\">\u00a0 \u00a0 Sentencia T-373\/05 \u00a0 DERECHO A LA IGUALDAD-Respeto de los turnos en la entrega de ayuda humanitaria \u00a0 El respeto estricto por los turnos es una situaci\u00f3n que guarda relaci\u00f3n directa con la protecci\u00f3n del derecho a la igualdad -tema que no admite discusi\u00f3n-, pero, las personas tienen derecho a conocer en qu\u00e9 fecha, dentro de un per\u00edodo de tiempo razonable, ser\u00e1n atendidas. \u00a0 DESPLAZADOS INTERNOS-V\u00edctimas de la violencia\/DERECHO A LA IGUALDAD-Vulneraci\u00f3n por discriminaci\u00f3n a personas desplazadas \u00a0 DERECHO DE PETICION-Alcance\/DERECHO DE PETICION-N\u00facleo esencial \u00a0 DERECHO DE PETICION-Vulneraci\u00f3n por no haber informado fecha cierta para el pago de la ...<br \/><div class=\"pt-cv-rmwrap\"><a href=\"https:\/\/www.dmsjuridica.com\/buscador_20179478954\/corteconstitucionalcronologico202454587\/t-373-05\/\" class=\"_self pt-cv-readmore btn btn-success\" target=\"_self\">Ver Sentencia Completa...<\/a><\/div><\/div><\/div><\/div>\n<div class=\"col-md-12 col-sm-12 col-xs-12 pt-cv-content-item pt-cv-1-col\" ><div class='pt-cv-ifield'><a href=\"https:\/\/www.dmsjuridica.com\/buscador_20179478954\/corteconstitucionalcronologico202454587\/t-372-05\/\" class=\"_self pt-cv-href-thumbnail pt-cv-thumb-default\" target=\"_self\" ><\/a>\n<div class=\"pt-cv-taxoterm above_title\"><a href='https:\/\/www.dmsjuridica.com\/buscador_20179478954\/corteconstitucionalcronologico202454587\/category\/buscar-en-toda-la-corte\/2005\/tutelas-2005\/' title='Tutelas 2005' class='pt-cv-tax-tutelas-2005'>Tutelas 2005<\/a><\/div>\n<h4 class=\"pt-cv-title\"><a href=\"https:\/\/www.dmsjuridica.com\/buscador_20179478954\/corteconstitucionalcronologico202454587\/t-372-05\/\" class=\"_self\" target=\"_self\" >T-372-05<\/a><\/h4>\n<div class=\"pt-cv-content\">\u00a0 \u00a0 Sentencia T-372\/05\u00a0 \u00a0 DERECHO A LA SALUD-Adquiere el car\u00e1cter de fundamental por v\u00eda de conexidad y de manera aut\u00f3noma \u00a0 DERECHO A LA SALUD-Criterios jurisprudenciales para suministro de medicamento excluido del POS \u00a0 DERECHO A LA SALUD-Prueba de la incapacidad econ\u00f3mica para asumir tratamiento\/REGIMEN CONTRIBUTIVO DE SALUD-Presunci\u00f3n de la capacidad de pago del afiliado o beneficiario no es absoluta\u00a0 \u00a0 Los afiliados al Sistema que cuenten con capacidad de pago para costear las prestaciones m\u00e9dicas que requieren deben asumir el valor que les corresponda. Se presume que quien haga parte del r\u00e9gimen contributivo cuenta con capacidad de pago ...<br \/><div class=\"pt-cv-rmwrap\"><a href=\"https:\/\/www.dmsjuridica.com\/buscador_20179478954\/corteconstitucionalcronologico202454587\/t-372-05\/\" class=\"_self pt-cv-readmore btn btn-success\" target=\"_self\">Ver Sentencia Completa...<\/a><\/div><\/div><\/div><\/div>\n<div class=\"col-md-12 col-sm-12 col-xs-12 pt-cv-content-item pt-cv-1-col\" ><div class='pt-cv-ifield'><a href=\"https:\/\/www.dmsjuridica.com\/buscador_20179478954\/corteconstitucionalcronologico202454587\/t-371-05\/\" class=\"_self pt-cv-href-thumbnail pt-cv-thumb-default\" target=\"_self\" ><\/a>\n<div class=\"pt-cv-taxoterm above_title\"><a href='https:\/\/www.dmsjuridica.com\/buscador_20179478954\/corteconstitucionalcronologico202454587\/category\/buscar-en-toda-la-corte\/2005\/tutelas-2005\/' title='Tutelas 2005' class='pt-cv-tax-tutelas-2005'>Tutelas 2005<\/a><\/div>\n<h4 class=\"pt-cv-title\"><a href=\"https:\/\/www.dmsjuridica.com\/buscador_20179478954\/corteconstitucionalcronologico202454587\/t-371-05\/\" class=\"_self\" target=\"_self\" >T-371-05<\/a><\/h4>\n<div class=\"pt-cv-content\">\u00a0 \u00a0 Sentencia T-371\/05 \u00a0 DERECHO DE PETICION-Reglas jurisprudenciales \u00a0 DERECHO DE PETICION EN MATERIA PENSIONAL-T\u00e9rminos para resolver \u00a0 DERECHO DE PETICION PARA RESOLVER SOLICITUD DE PENSIONES-T\u00e9rmino de cuatro meses\/DERECHO DE PETICION PARA RECONOCIMIENTO Y PAGO DE PENSIONES-T\u00e9rmino de seis meses \u00a0 DERECHO DE PETICION EN MATERIA PENSIONAL-T\u00e9rminos para solicitudes pensionales son tambi\u00e9n exigibles para las solicitudes de reliquidaci\u00f3n de pensi\u00f3n \u00a0 DERECHO DE PETICION ANTE CAJA NACIONAL DE PREVISION SOCIAL-Negligencia en tr\u00e1mite administrativo y vulneraci\u00f3n de derechos fundamentales \u00a0 Referencia: expediente T-1021064 \u00a0 Acci\u00f3n de tutela instaurada por Luz Elena V\u00e9lez Arango contra la Caja Nacional de Previsi\u00f3n \u2013CAJANAL- ...<br \/><div class=\"pt-cv-rmwrap\"><a href=\"https:\/\/www.dmsjuridica.com\/buscador_20179478954\/corteconstitucionalcronologico202454587\/t-371-05\/\" class=\"_self pt-cv-readmore btn btn-success\" target=\"_self\">Ver Sentencia Completa...<\/a><\/div><\/div><\/div><\/div>\n<div class=\"col-md-12 col-sm-12 col-xs-12 pt-cv-content-item pt-cv-1-col\" ><div class='pt-cv-ifield'><a href=\"https:\/\/www.dmsjuridica.com\/buscador_20179478954\/corteconstitucionalcronologico202454587\/t-370-05\/\" class=\"_self pt-cv-href-thumbnail pt-cv-thumb-default\" target=\"_self\" ><\/a>\n<div class=\"pt-cv-taxoterm above_title\"><a href='https:\/\/www.dmsjuridica.com\/buscador_20179478954\/corteconstitucionalcronologico202454587\/category\/buscar-en-toda-la-corte\/2005\/tutelas-2005\/' title='Tutelas 2005' class='pt-cv-tax-tutelas-2005'>Tutelas 2005<\/a><\/div>\n<h4 class=\"pt-cv-title\"><a href=\"https:\/\/www.dmsjuridica.com\/buscador_20179478954\/corteconstitucionalcronologico202454587\/t-370-05\/\" class=\"_self\" target=\"_self\" >T-370-05<\/a><\/h4>\n<div class=\"pt-cv-content\">\u00a0 \u00a0 Sentencia T-370\/05 \u00a0 ACCION DE TUTELA PARA RELIQUIDACION DE PENSIONES-Improcedencia por no darse el presupuesto de la inmediatez\/ACCION DE TUTELA PARA RELIQUIDACION DE PENSIONES-Improcedencia por existir otros medios de defensa judicial \u00a0 Referencia: expediente T-1018908\u00a0 \u00a0 Acci\u00f3n de tutela promovida por Jos\u00e9 Isaac Ballesteros contra la Caja Nacional de Previsi\u00f3n Social, Seccional Valle del Cauca \u00a0 Magistrada Ponente:\u00a0 \u00a0 Dra. CLARA INES VARGAS HERN\u00c1NDEZ \u00a0 Bogot\u00e1 D. C., \u00a0ocho (8) de abril de dos mil cinco (2005). \u00a0 La Sala Novena de la Corte Constitucional, integrada por los Magistrados Clara In\u00e9s Vargas, Alfredo Beltr\u00e1n Sierra y Jaime Araujo ...<br \/><div class=\"pt-cv-rmwrap\"><a href=\"https:\/\/www.dmsjuridica.com\/buscador_20179478954\/corteconstitucionalcronologico202454587\/t-370-05\/\" class=\"_self pt-cv-readmore btn btn-success\" target=\"_self\">Ver Sentencia Completa...<\/a><\/div><\/div><\/div><\/div>\n<div class=\"col-md-12 col-sm-12 col-xs-12 pt-cv-content-item pt-cv-1-col\" ><div class='pt-cv-ifield'><a href=\"https:\/\/www.dmsjuridica.com\/buscador_20179478954\/corteconstitucionalcronologico202454587\/t-369-05\/\" class=\"_self pt-cv-href-thumbnail pt-cv-thumb-default\" target=\"_self\" ><\/a>\n<div class=\"pt-cv-taxoterm above_title\"><a href='https:\/\/www.dmsjuridica.com\/buscador_20179478954\/corteconstitucionalcronologico202454587\/category\/buscar-en-toda-la-corte\/2005\/tutelas-2005\/' title='Tutelas 2005' class='pt-cv-tax-tutelas-2005'>Tutelas 2005<\/a><\/div>\n<h4 class=\"pt-cv-title\"><a href=\"https:\/\/www.dmsjuridica.com\/buscador_20179478954\/corteconstitucionalcronologico202454587\/t-369-05\/\" class=\"_self\" target=\"_self\" >T-369-05<\/a><\/h4>\n<div class=\"pt-cv-content\">\u00a0 \u00a0 Sentencia T-369\/05 \u00a0 ACCION DE TUTELA CONTRA PARTICULARES-Estado de indefensi\u00f3n de la mujer en estado de gravidez frente a su antiguo empleador\u00a0 \u00a0 ACCION DE TUTELA TRANSITORIA DE MUJER EMBARAZADA-Elementos f\u00e1cticos que deben demostrarse \u00a0 MUJER EMBARAZADA EN CONTRATO A TERMINO FIJO-Renovaci\u00f3n si persisten causas y materia del trabajo\u00a0 \u00a0 DESPIDO DE MUJER EMBARAZADA-Cuando se alega justa causa \u00e9sta debe ser concedida y probada por el inspector de trabajo \u00a0 Referencia: expediente 1014720 \u00a0 Acci\u00f3n de Tutela interpuesta por Amparo Isabel Ramos Cabeza contra Escuela de Cosmetolog\u00eda Est\u00e9tica o Instituto Internacional para la Salud y la Educaci\u00f3n \u201cRicardo ...<br \/><div class=\"pt-cv-rmwrap\"><a href=\"https:\/\/www.dmsjuridica.com\/buscador_20179478954\/corteconstitucionalcronologico202454587\/t-369-05\/\" class=\"_self pt-cv-readmore btn btn-success\" target=\"_self\">Ver Sentencia Completa...<\/a><\/div><\/div><\/div><\/div>\n<div class=\"col-md-12 col-sm-12 col-xs-12 pt-cv-content-item pt-cv-1-col\" ><div class='pt-cv-ifield'><a href=\"https:\/\/www.dmsjuridica.com\/buscador_20179478954\/corteconstitucionalcronologico202454587\/t-368-05\/\" class=\"_self pt-cv-href-thumbnail pt-cv-thumb-default\" target=\"_self\" ><\/a>\n<div class=\"pt-cv-taxoterm above_title\"><a href='https:\/\/www.dmsjuridica.com\/buscador_20179478954\/corteconstitucionalcronologico202454587\/category\/buscar-en-toda-la-corte\/2005\/tutelas-2005\/' title='Tutelas 2005' class='pt-cv-tax-tutelas-2005'>Tutelas 2005<\/a><\/div>\n<h4 class=\"pt-cv-title\"><a href=\"https:\/\/www.dmsjuridica.com\/buscador_20179478954\/corteconstitucionalcronologico202454587\/t-368-05\/\" class=\"_self\" target=\"_self\" >T-368-05<\/a><\/h4>\n<div class=\"pt-cv-content\">\u00a0 \u00a0 Sentencia T-368\/05 \u00a0 ACCION DE TUTELA CONTRA SENTENCIA DE TUTELA-Prohibici\u00f3n \u00a0 ACCION DE TUTELA CONTRA INCIDENTE DE DESACATO-Procedencia cuando en su tr\u00e1mite puede evidenciarse v\u00eda de hecho \u00a0 INCIDENTE DE DESACATO-Naturaleza especial \u00a0 JUEZ DE PRIMERA INSTANCIA-Garantiza cumplimiento fallo de tutela\/JUEZ DE PRIMERA INSTANCIA-Competente para conocer incidente de desacato \u00a0 INCIDENTE DE DESACATO-Finalidad \u00a0 INCIDENTE DE DESACATO-Improcedencia de su imposici\u00f3n cuando la sentencia no ha sido determinada ni se ha dado la oportunidad de cumplirla a pesar de la buena fe del obligado\/INCIDENTE DE DESACATO-Posibilidad del juez durante su tramite de indagar el alcance de la orden de ...<br \/><div class=\"pt-cv-rmwrap\"><a href=\"https:\/\/www.dmsjuridica.com\/buscador_20179478954\/corteconstitucionalcronologico202454587\/t-368-05\/\" class=\"_self pt-cv-readmore btn btn-success\" target=\"_self\">Ver Sentencia Completa...<\/a><\/div><\/div><\/div><\/div>\n<div class=\"col-md-12 col-sm-12 col-xs-12 pt-cv-content-item pt-cv-1-col\" ><div class='pt-cv-ifield'><a href=\"https:\/\/www.dmsjuridica.com\/buscador_20179478954\/corteconstitucionalcronologico202454587\/t-367-05\/\" class=\"_self pt-cv-href-thumbnail pt-cv-thumb-default\" target=\"_self\" ><\/a>\n<div class=\"pt-cv-taxoterm above_title\"><a href='https:\/\/www.dmsjuridica.com\/buscador_20179478954\/corteconstitucionalcronologico202454587\/category\/buscar-en-toda-la-corte\/2005\/tutelas-2005\/' title='Tutelas 2005' class='pt-cv-tax-tutelas-2005'>Tutelas 2005<\/a><\/div>\n<h4 class=\"pt-cv-title\"><a href=\"https:\/\/www.dmsjuridica.com\/buscador_20179478954\/corteconstitucionalcronologico202454587\/t-367-05\/\" class=\"_self\" target=\"_self\" >T-367-05<\/a><\/h4>\n<div class=\"pt-cv-content\">\u00a0 \u00a0 Sentencia T-367\/05 \u00a0 PENSION DE SOBREVIVIENTES-Calidad de estudiante no puede predicarse solo de estudiantes matriculados en instituciones de educaci\u00f3n formal\u00a0 \u00a0 DERECHOS FUNDAMENTALES-Vulneraci\u00f3n por exigir certificaci\u00f3n de estudios en instituci\u00f3n formal para acceder a la pensi\u00f3n de sobrevivientes\/DERECHO A LA EDUCACION-Imposibilidad de las entidades p\u00fablicas o privadas de excluir a quienes cursan programas de educaci\u00f3n no formal\u00a0 \u00a0 Las entidades de seguridad social no pueden exigir a los beneficiarios de una pensi\u00f3n de sobrevivientes que \u00fanicamente acrediten la calidad de estudiante de una instituci\u00f3n de educaci\u00f3n formal, pues ello conllevar\u00eda no s\u00f3lo a la vulneraci\u00f3n de los derechos ...<br \/><div class=\"pt-cv-rmwrap\"><a href=\"https:\/\/www.dmsjuridica.com\/buscador_20179478954\/corteconstitucionalcronologico202454587\/t-367-05\/\" class=\"_self pt-cv-readmore btn btn-success\" target=\"_self\">Ver Sentencia Completa...<\/a><\/div><\/div><\/div><\/div>\n<div class=\"col-md-12 col-sm-12 col-xs-12 pt-cv-content-item pt-cv-1-col\" ><div class='pt-cv-ifield'><a href=\"https:\/\/www.dmsjuridica.com\/buscador_20179478954\/corteconstitucionalcronologico202454587\/t-366-05\/\" class=\"_self pt-cv-href-thumbnail pt-cv-thumb-default\" target=\"_self\" ><\/a>\n<div class=\"pt-cv-taxoterm above_title\"><a href='https:\/\/www.dmsjuridica.com\/buscador_20179478954\/corteconstitucionalcronologico202454587\/category\/buscar-en-toda-la-corte\/2005\/tutelas-2005\/' title='Tutelas 2005' class='pt-cv-tax-tutelas-2005'>Tutelas 2005<\/a><\/div>\n<h4 class=\"pt-cv-title\"><a href=\"https:\/\/www.dmsjuridica.com\/buscador_20179478954\/corteconstitucionalcronologico202454587\/t-366-05\/\" class=\"_self\" target=\"_self\" >T-366-05<\/a><\/h4>\n<div class=\"pt-cv-content\">\u00a0 \u00a0 Sentencia T-366\/05 \u00a0 DEBIDO PROCESO-Decisiones deben ser en plazo razonable \u00a0 TERMINO PROCESAL-Incumplimiento injustificado constituye violaci\u00f3n de los derechos fundamentales\/DEBIDO PROCESO-Vulneraci\u00f3n por dilaci\u00f3n injustificada \u00a0 MORA JUDICIAL-Justificaci\u00f3n por excesiva carga laboral\/ACCION DE TUTELA-Procedencia por dilaci\u00f3n injustificada en proceso judicial \u00a0 DEBIDO PROCESO PUBLICO SIN DILACIONES INJUSTIFICADAS-Fundamental \u00a0 MORA JUDICIAL-Circunstancias que se deben valorar \u00a0 La no resoluci\u00f3n en forma oportuna de un asunto sometido al conocimiento de un funcionario por parte de este, genera violaci\u00f3n al debido proceso \u00a0siempre y cuando se analicen y tengan en cuenta las circunstancias especiales de cada caso, a saber: (i) el volumen ...<br \/><div class=\"pt-cv-rmwrap\"><a href=\"https:\/\/www.dmsjuridica.com\/buscador_20179478954\/corteconstitucionalcronologico202454587\/t-366-05\/\" class=\"_self pt-cv-readmore btn btn-success\" target=\"_self\">Ver Sentencia Completa...<\/a><\/div><\/div><\/div><\/div>\n<div class=\"col-md-12 col-sm-12 col-xs-12 pt-cv-content-item pt-cv-1-col\" ><div class='pt-cv-ifield'><a href=\"https:\/\/www.dmsjuridica.com\/buscador_20179478954\/corteconstitucionalcronologico202454587\/t-365-05\/\" class=\"_self pt-cv-href-thumbnail pt-cv-thumb-default\" target=\"_self\" ><\/a>\n<div class=\"pt-cv-taxoterm above_title\"><a href='https:\/\/www.dmsjuridica.com\/buscador_20179478954\/corteconstitucionalcronologico202454587\/category\/buscar-en-toda-la-corte\/2005\/tutelas-2005\/' title='Tutelas 2005' class='pt-cv-tax-tutelas-2005'>Tutelas 2005<\/a><\/div>\n<h4 class=\"pt-cv-title\"><a href=\"https:\/\/www.dmsjuridica.com\/buscador_20179478954\/corteconstitucionalcronologico202454587\/t-365-05\/\" class=\"_self\" target=\"_self\" >T-365-05<\/a><\/h4>\n<div class=\"pt-cv-content\">\u00a0 \u00a0 Sentencia T-365\/05 \u00a0 DERECHO A LA SALUD DEL NI\u00d1O-Fundamental aut\u00f3nomo\/DERECHO A LA SALUD DEL NI\u00d1O-Protecci\u00f3n especial \u00a0 INAPLICACION DE NORMAS DEL PLAN OBLIGATORIO DE SALUD-Casos en que procede por exclusi\u00f3n de tratamientos y medicamentos de alto costo \u00a0 DERECHO A LA SALUD DEL NI\u00d1O-Vulneraci\u00f3n por negar examen de diagn\u00f3stico no incluido en el POS \u00a0 Teniendo en cuenta que entre los derechos fundamentales de los ni\u00f1os est\u00e1 el derecho a la salud, lo cual es consecuencia de las condiciones de debilidad inherentes a todos los seres humanos en esa etapa de la vida, se advierte que se incrementa ...<br \/><div class=\"pt-cv-rmwrap\"><a href=\"https:\/\/www.dmsjuridica.com\/buscador_20179478954\/corteconstitucionalcronologico202454587\/t-365-05\/\" class=\"_self pt-cv-readmore btn btn-success\" target=\"_self\">Ver Sentencia Completa...<\/a><\/div><\/div><\/div><\/div>\n<div class=\"col-md-12 col-sm-12 col-xs-12 pt-cv-content-item pt-cv-1-col\" ><div class='pt-cv-ifield'><a href=\"https:\/\/www.dmsjuridica.com\/buscador_20179478954\/corteconstitucionalcronologico202454587\/t-364-05\/\" class=\"_self pt-cv-href-thumbnail pt-cv-thumb-default\" target=\"_self\" ><\/a>\n<div class=\"pt-cv-taxoterm above_title\"><a href='https:\/\/www.dmsjuridica.com\/buscador_20179478954\/corteconstitucionalcronologico202454587\/category\/buscar-en-toda-la-corte\/2005\/tutelas-2005\/' title='Tutelas 2005' class='pt-cv-tax-tutelas-2005'>Tutelas 2005<\/a><\/div>\n<h4 class=\"pt-cv-title\"><a href=\"https:\/\/www.dmsjuridica.com\/buscador_20179478954\/corteconstitucionalcronologico202454587\/t-364-05\/\" class=\"_self\" target=\"_self\" >T-364-05<\/a><\/h4>\n<div class=\"pt-cv-content\">\u00a0 \u00a0 Sentencia T-364\/05 \u00a0 DERECHO A LA SALUD DEL NI\u00d1O-Fundamental aut\u00f3nomo\/DERECHO A LA SALUD DEL NI\u00d1O-Protecci\u00f3n especial \u00a0 INAPLICACION DE NORMAS DEL PLAN OBLIGATORIO DE SALUD-Hip\u00f3tesis f\u00e1cticas que la determinan \u00a0 ENTIDAD PRESTADORA DE SALUD-Condiciones para llevar a cabo el transporte de pacientes \u00a0 PRINCIPIO DE SOLIDARIDAD EN SALUD-Asunci\u00f3n de gastos de transporte dentro de la ciudad y manutenci\u00f3n por madre de menor \u00a0 Referencia: expediente T-1010488\u00a0 \u00a0 Acci\u00f3n de tutela instaurada por Maria Elcira Quintero actuando como representante del menor Jos\u00e9 Humberto Alape Quintero \u00a0contra Seguro Social Seccional Huila\u00a0 \u00a0 Magistrada Ponente: \u00a0 Dra. CLARA IN\u00c9S VARGAS HERN\u00c1NDEZ ...<br \/><div class=\"pt-cv-rmwrap\"><a href=\"https:\/\/www.dmsjuridica.com\/buscador_20179478954\/corteconstitucionalcronologico202454587\/t-364-05\/\" class=\"_self pt-cv-readmore btn btn-success\" target=\"_self\">Ver Sentencia Completa...<\/a><\/div><\/div><\/div><\/div>\n<div class=\"col-md-12 col-sm-12 col-xs-12 pt-cv-content-item pt-cv-1-col\" ><div class='pt-cv-ifield'><a href=\"https:\/\/www.dmsjuridica.com\/buscador_20179478954\/corteconstitucionalcronologico202454587\/t-363-05\/\" class=\"_self pt-cv-href-thumbnail pt-cv-thumb-default\" target=\"_self\" ><\/a>\n<div class=\"pt-cv-taxoterm above_title\"><a href='https:\/\/www.dmsjuridica.com\/buscador_20179478954\/corteconstitucionalcronologico202454587\/category\/buscar-en-toda-la-corte\/2005\/tutelas-2005\/' title='Tutelas 2005' class='pt-cv-tax-tutelas-2005'>Tutelas 2005<\/a><\/div>\n<h4 class=\"pt-cv-title\"><a href=\"https:\/\/www.dmsjuridica.com\/buscador_20179478954\/corteconstitucionalcronologico202454587\/t-363-05\/\" class=\"_self\" target=\"_self\" >T-363-05<\/a><\/h4>\n<div class=\"pt-cv-content\">\u00a0 \u00a0 Sentencia T-363\/05 \u00a0 ACCION DE TUTELA PARA CUMPLIMIENTO DE SENTENCIAS-Procedencia por vulneraci\u00f3n al debido proceso y derecho de acceso a la administraci\u00f3n de justicia\u00a0 \u00a0 ACCION DE TUTELA-Cumplimiento de fallos judiciales para hacer efectivas obligaciones de hacer \u00a0 ACCION DE TUTELA-Improcedencia general para cumplimiento de fallos que generen obligaciones de dar \u00a0 ACCION DE TUTELA-Procedencia excepcional para cumplimiento de sentencias que generen obligaciones de dar\/ACCION DE TUTELA-Procedencia para cumplimiento de sentencias que reconocen pensiones \u00a0 \u00a0 Referencia: expediente T-1010284 \u00a0 Acci\u00f3n de tutela instaurada por Jes\u00fas Alberto Yepes Vargas contra el Seguro Social \u2013 Seccional Antioquia-.\u00a0 \u00a0 Magistrada ...<br \/><div class=\"pt-cv-rmwrap\"><a href=\"https:\/\/www.dmsjuridica.com\/buscador_20179478954\/corteconstitucionalcronologico202454587\/t-363-05\/\" class=\"_self pt-cv-readmore btn btn-success\" target=\"_self\">Ver Sentencia Completa...<\/a><\/div><\/div><\/div><\/div>\n<div class=\"col-md-12 col-sm-12 col-xs-12 pt-cv-content-item pt-cv-1-col\" ><div class='pt-cv-ifield'><a href=\"https:\/\/www.dmsjuridica.com\/buscador_20179478954\/corteconstitucionalcronologico202454587\/t-362-05\/\" class=\"_self pt-cv-href-thumbnail pt-cv-thumb-default\" target=\"_self\" ><\/a>\n<div class=\"pt-cv-taxoterm above_title\"><a href='https:\/\/www.dmsjuridica.com\/buscador_20179478954\/corteconstitucionalcronologico202454587\/category\/buscar-en-toda-la-corte\/2005\/tutelas-2005\/' title='Tutelas 2005' class='pt-cv-tax-tutelas-2005'>Tutelas 2005<\/a><\/div>\n<h4 class=\"pt-cv-title\"><a href=\"https:\/\/www.dmsjuridica.com\/buscador_20179478954\/corteconstitucionalcronologico202454587\/t-362-05\/\" class=\"_self\" target=\"_self\" >T-362-05<\/a><\/h4>\n<div class=\"pt-cv-content\">\u00a0 \u00a0 Sentencia T-362\/05 \u00a0 ACCION DE TUTELA-Improcedencia sobre controversias econ\u00f3micas \u00a0 AGENCIA OFICIOSA-Requisitos\/AGENCIA OFICIOSA EN TUTELA-Legitimidad e inter\u00e9s \u00a0 Referencia: expediente T-1015169 \u00a0 Acci\u00f3n de tutela instaurada por E.A.T. ASMEDIC contra el Hospital San Nicol\u00e1s de Planeta Rica C\u00f3rdoba. \u00a0 Magistrado Ponente: \u00a0 Dr. HUMBERTO ANTONIO SIERRA PORTO \u00a0 Bogot\u00e1 D.C., ocho (8) de abril de dos mil cinco (2005). \u00a0 SENTENCIA \u00a0 dentro del proceso de revisi\u00f3n del fallo dictado en el asunto de la referencia por el Juzgado Promiscuo Municipal de Planeta Rica \u00a0 I. ANTECEDENTES. \u00a0 La se\u00f1ora Adriana G\u00f3mez Torrente, actuando como representante legal de ...<br \/><div class=\"pt-cv-rmwrap\"><a href=\"https:\/\/www.dmsjuridica.com\/buscador_20179478954\/corteconstitucionalcronologico202454587\/t-362-05\/\" class=\"_self pt-cv-readmore btn btn-success\" target=\"_self\">Ver Sentencia Completa...<\/a><\/div><\/div><\/div><\/div>\n<div class=\"col-md-12 col-sm-12 col-xs-12 pt-cv-content-item pt-cv-1-col\" ><div class='pt-cv-ifield'><a href=\"https:\/\/www.dmsjuridica.com\/buscador_20179478954\/corteconstitucionalcronologico202454587\/t-361-05\/\" class=\"_self pt-cv-href-thumbnail pt-cv-thumb-default\" target=\"_self\" ><\/a>\n<div class=\"pt-cv-taxoterm above_title\"><a href='https:\/\/www.dmsjuridica.com\/buscador_20179478954\/corteconstitucionalcronologico202454587\/category\/buscar-en-toda-la-corte\/2005\/tutelas-2005\/' title='Tutelas 2005' class='pt-cv-tax-tutelas-2005'>Tutelas 2005<\/a><\/div>\n<h4 class=\"pt-cv-title\"><a href=\"https:\/\/www.dmsjuridica.com\/buscador_20179478954\/corteconstitucionalcronologico202454587\/t-361-05\/\" class=\"_self\" target=\"_self\" >T-361-05<\/a><\/h4>\n<div class=\"pt-cv-content\">\u00a0 \u00a0 Sentencia T-361\/05 \u00a0 DERECHO A LA SALUD-Fundamental por conexidad\/INAPLICACION DE NORMAS DEL PLAN OBLIGATORIO DE SALUD-Hip\u00f3tesis f\u00e1cticas que la determinan \u00a0 ACCION DE TUTELA-Ordena a la Direcci\u00f3n de Sanidad de la Polic\u00eda Nacional costear tratamiento de rehabilitaci\u00f3n oral\u00a0 \u00a0 Reiteraci\u00f3n de Jurisprudencia \u00a0 Referencia: expediente T-1013521 \u00a0 Acci\u00f3n de tutela instaurada por Jos\u00e9 Gaspar Turriago Turriago contra la Direcci\u00f3n de Sanidad de la Polic\u00eda Nacional. \u00a0 Magistrado Ponente: \u00a0 Bogot\u00e1, D. C., ocho (8) de abril dos mil cinco (2005). \u00a0 La Sala S\u00e9ptima de Revisi\u00f3n de la Corte Constitucional integrada por los magistrados Clara In\u00e9s Vargas Hern\u00e1ndez, ...<br \/><div class=\"pt-cv-rmwrap\"><a href=\"https:\/\/www.dmsjuridica.com\/buscador_20179478954\/corteconstitucionalcronologico202454587\/t-361-05\/\" class=\"_self pt-cv-readmore btn btn-success\" target=\"_self\">Ver Sentencia Completa...<\/a><\/div><\/div><\/div><\/div>\n<div class=\"col-md-12 col-sm-12 col-xs-12 pt-cv-content-item pt-cv-1-col\" ><div class='pt-cv-ifield'><a href=\"https:\/\/www.dmsjuridica.com\/buscador_20179478954\/corteconstitucionalcronologico202454587\/t-360-05\/\" class=\"_self pt-cv-href-thumbnail pt-cv-thumb-default\" target=\"_self\" ><\/a>\n<div class=\"pt-cv-taxoterm above_title\"><a href='https:\/\/www.dmsjuridica.com\/buscador_20179478954\/corteconstitucionalcronologico202454587\/category\/buscar-en-toda-la-corte\/2005\/tutelas-2005\/' title='Tutelas 2005' class='pt-cv-tax-tutelas-2005'>Tutelas 2005<\/a><\/div>\n<h4 class=\"pt-cv-title\"><a href=\"https:\/\/www.dmsjuridica.com\/buscador_20179478954\/corteconstitucionalcronologico202454587\/t-360-05\/\" class=\"_self\" target=\"_self\" >T-360-05<\/a><\/h4>\n<div class=\"pt-cv-content\">\u00a0 \u00a0 Sentencia T-360\/05 \u00a0 DERECHO A LA SALUD DEL NI\u00d1O-Fundamental aut\u00f3nomo\/DERECHO A LA SALUD DEL NI\u00d1O-Criterios para definir n\u00facleo esencial \u00a0 La eficacia directa del derecho fundamental a la salud de los ni\u00f1os s\u00f3lo se refiere a la protecci\u00f3n de su n\u00facleo esencial, el cual se ha definido con base en tres criterios: (i) la existencia de un atentado grave contra su salud; (ii) la imposibilidad de evitar la actitud que genera la amenaza; (iii) el riesgo cierto del derecho a la vida y de las capacidades f\u00edsicas o ps\u00edquicas del infante. En conclusi\u00f3n, de acuerdo con lo anterior ...<br \/><div class=\"pt-cv-rmwrap\"><a href=\"https:\/\/www.dmsjuridica.com\/buscador_20179478954\/corteconstitucionalcronologico202454587\/t-360-05\/\" class=\"_self pt-cv-readmore btn btn-success\" target=\"_self\">Ver Sentencia Completa...<\/a><\/div><\/div><\/div><\/div>\n<div class=\"col-md-12 col-sm-12 col-xs-12 pt-cv-content-item pt-cv-1-col\" ><div class='pt-cv-ifield'><a href=\"https:\/\/www.dmsjuridica.com\/buscador_20179478954\/corteconstitucionalcronologico202454587\/t-359-05\/\" class=\"_self pt-cv-href-thumbnail pt-cv-thumb-default\" target=\"_self\" ><\/a>\n<div class=\"pt-cv-taxoterm above_title\"><a href='https:\/\/www.dmsjuridica.com\/buscador_20179478954\/corteconstitucionalcronologico202454587\/category\/buscar-en-toda-la-corte\/2005\/tutelas-2005\/' title='Tutelas 2005' class='pt-cv-tax-tutelas-2005'>Tutelas 2005<\/a><\/div>\n<h4 class=\"pt-cv-title\"><a href=\"https:\/\/www.dmsjuridica.com\/buscador_20179478954\/corteconstitucionalcronologico202454587\/t-359-05\/\" class=\"_self\" target=\"_self\" >T-359-05<\/a><\/h4>\n<div class=\"pt-cv-content\">\u00a0 \u00a0 Sentencia T-359\/05 \u00a0 ACCION DE TUTELA-Hecho superado por inscripci\u00f3n de sindicato en el registro sindical\u00a0 \u00a0 SINDICATO-Personer\u00eda jur\u00eddica autom\u00e1tica\/DERECHO DE ASOCIACION SINDICAL-Vulneraci\u00f3n por despidos colectivos de trabajadores sindicalizados \u00a0 Referencia: expediente T-992831 \u00a0 Acci\u00f3n de tutela instaurada por Claudia Yeline Novoa Rojas contra el Ministerio de la Protecci\u00f3n Social y Bancaf\u00e9 S.A.\u00a0 \u00a0 Magistrado Ponente: \u00a0 Dr. HUMBERTO ANTONIO SIERRA PORTO. \u00a0 Bogot\u00e1 D.C., ocho (8) de abril de dos mil cinco (2005). \u00a0 La Sala S\u00e9ptima de Revisi\u00f3n de la Corte Constitucional integrada por los magistrados Clara In\u00e9s Vargas Hern\u00e1ndez, \u00c1lvaro Tafur Galvis y Humberto Antonio Sierra ...<br \/><div class=\"pt-cv-rmwrap\"><a href=\"https:\/\/www.dmsjuridica.com\/buscador_20179478954\/corteconstitucionalcronologico202454587\/t-359-05\/\" class=\"_self pt-cv-readmore btn btn-success\" target=\"_self\">Ver Sentencia Completa...<\/a><\/div><\/div><\/div><\/div>\n<div class=\"col-md-12 col-sm-12 col-xs-12 pt-cv-content-item pt-cv-1-col\" ><div class='pt-cv-ifield'><a href=\"https:\/\/www.dmsjuridica.com\/buscador_20179478954\/corteconstitucionalcronologico202454587\/t-358-05\/\" class=\"_self pt-cv-href-thumbnail pt-cv-thumb-default\" target=\"_self\" ><\/a>\n<div class=\"pt-cv-taxoterm above_title\"><a href='https:\/\/www.dmsjuridica.com\/buscador_20179478954\/corteconstitucionalcronologico202454587\/category\/buscar-en-toda-la-corte\/2005\/tutelas-2005\/' title='Tutelas 2005' class='pt-cv-tax-tutelas-2005'>Tutelas 2005<\/a><\/div>\n<h4 class=\"pt-cv-title\"><a href=\"https:\/\/www.dmsjuridica.com\/buscador_20179478954\/corteconstitucionalcronologico202454587\/t-358-05\/\" class=\"_self\" target=\"_self\" >T-358-05<\/a><\/h4>\n<div class=\"pt-cv-content\">\u00a0 \u00a0 Sentencia T-358\/05 \u00a0 ACCION DE TUTELA-Procedencia excepcional pago de salarios \u00a0 DERECHO AL PAGO OPORTUNO DEL SALARIO-Fundamental \u00a0 DERECHO AL TRABAJO EN CONDICIONES DIGNAS Y JUSTAS-Pago oportuno de salarios\u00a0 \u00a0 DERECHO AL MINIMO VITAL DEL TRABAJADOR-Pago oportuno de salarios \u00a0 Reiteraci\u00f3n de jurisprudencia \u00a0 Referencia: expediente T-1046395 \u00a0 Acci\u00f3n de tutela promovida por Celso Gonz\u00e1lez Mancilla contra la Tesorer\u00eda y la Secretar\u00eda de Educaci\u00f3n y Cultura del Departamento del Atl\u00e1ntico. \u00a0 Magistrado Ponente: \u00a0 Dr. JAIME ARA\u00daJO RENTER\u00cdA \u00a0 Bogot\u00e1 D.C., ocho (8) de abril de dos mil cinco (2005). \u00a0 La Sala Primera de Revisi\u00f3n de la ...<br \/><div class=\"pt-cv-rmwrap\"><a href=\"https:\/\/www.dmsjuridica.com\/buscador_20179478954\/corteconstitucionalcronologico202454587\/t-358-05\/\" class=\"_self pt-cv-readmore btn btn-success\" target=\"_self\">Ver Sentencia Completa...<\/a><\/div><\/div><\/div><\/div>\n<div class=\"col-md-12 col-sm-12 col-xs-12 pt-cv-content-item pt-cv-1-col\" ><div class='pt-cv-ifield'><a href=\"https:\/\/www.dmsjuridica.com\/buscador_20179478954\/corteconstitucionalcronologico202454587\/t-357-05\/\" class=\"_self pt-cv-href-thumbnail pt-cv-thumb-default\" target=\"_self\" ><\/a>\n<div class=\"pt-cv-taxoterm above_title\"><a href='https:\/\/www.dmsjuridica.com\/buscador_20179478954\/corteconstitucionalcronologico202454587\/category\/buscar-en-toda-la-corte\/2005\/tutelas-2005\/' title='Tutelas 2005' class='pt-cv-tax-tutelas-2005'>Tutelas 2005<\/a><\/div>\n<h4 class=\"pt-cv-title\"><a href=\"https:\/\/www.dmsjuridica.com\/buscador_20179478954\/corteconstitucionalcronologico202454587\/t-357-05\/\" class=\"_self\" target=\"_self\" >T-357-05<\/a><\/h4>\n<div class=\"pt-cv-content\">\u00a0 \u00a0 Sentencia T-357\/05 \u00a0 ACCION DE TUTELA CONTRA PROVIDENCIAS JUDICIALES-Procedencia excepcional por v\u00eda de hecho\/ACCION DE TUTELA CONTRA PROVIDENCIAS JUDICIALES-Causales gen\u00e9ricas de procedibilidad \u00a0 PROCESO EJECUTIVO HIPOTECARIO-Alcance de la sentencia C-955 de 2000\/PROCESO EJECUTIVO HIPOTECARIO-Reliquidaci\u00f3n autom\u00e1tica\/PROCESO EJECUTIVO HIPOTECARIO-Terminaci\u00f3n y archivo de procesos en curso a 31 de diciembre de 1999\/PROCESO EJECUTIVO HIPOTECARIO-Reliquidaci\u00f3n de la deuda como condici\u00f3n para dar por terminado el proceso \u00a0 CREDITO EJECUTIVO HIPOTECARIO-Una vez reliquidado se debe reestructurar \u00a0 Referencia: expediente T-1040061\u00a0 \u00a0 Acci\u00f3n de tutela instaurada por Alvaro de Jes\u00fas L\u00f3pez Rodr\u00edguez contra el Juzgado Segundo Civil del Circuito de Monter\u00eda. \u00a0 \u00a0 \u00a0 ...<br \/><div class=\"pt-cv-rmwrap\"><a href=\"https:\/\/www.dmsjuridica.com\/buscador_20179478954\/corteconstitucionalcronologico202454587\/t-357-05\/\" class=\"_self pt-cv-readmore btn btn-success\" target=\"_self\">Ver Sentencia Completa...<\/a><\/div><\/div><\/div><\/div>\n<div class=\"col-md-12 col-sm-12 col-xs-12 pt-cv-content-item pt-cv-1-col\" ><div class='pt-cv-ifield'><a href=\"https:\/\/www.dmsjuridica.com\/buscador_20179478954\/corteconstitucionalcronologico202454587\/t-356-05\/\" class=\"_self pt-cv-href-thumbnail pt-cv-thumb-default\" target=\"_self\" ><\/a>\n<div class=\"pt-cv-taxoterm above_title\"><a href='https:\/\/www.dmsjuridica.com\/buscador_20179478954\/corteconstitucionalcronologico202454587\/category\/buscar-en-toda-la-corte\/2005\/tutelas-2005\/' title='Tutelas 2005' class='pt-cv-tax-tutelas-2005'>Tutelas 2005<\/a><\/div>\n<h4 class=\"pt-cv-title\"><a href=\"https:\/\/www.dmsjuridica.com\/buscador_20179478954\/corteconstitucionalcronologico202454587\/t-356-05\/\" class=\"_self\" target=\"_self\" >T-356-05<\/a><\/h4>\n<div class=\"pt-cv-content\">\u00a0 \u00a0 Sentencia T-356\/05 \u00a0 DERECHO A LA SALUD Y A LA SEGURIDAD SOCIAL DEL NI\u00d1O-Fundamentales aut\u00f3nomos \u00a0 SISTEMA DE SEGURIDAD SOCIAL EN SALUD-Caracter\u00edsticas \u00a0 SISTEMA DE SEGURIDAD SOCIAL EN SALUD-R\u00e9gimen\u00a0 \u00a0 contributivo y subsidiado \u00a0 REGIMEN SUBSIDIADO DE SEGURIDAD SOCIAL EN SALUD-Requisitos de afiliaci\u00f3n \u00a0 SISTEMA DE SEGURIDAD SOCIAL EN SALUD-Atenci\u00f3n a trav\u00e9s de las instituciones de servicios adscritas mientras se logra la afiliaci\u00f3n \u00a0 Mientras logran su afiliaci\u00f3n al r\u00e9gimen subsidiado tienen la posibilidad de acceder a las instituciones de salud que reciben recursos p\u00fablicos bajo la figura de la participaci\u00f3n vinculada, esto es, que tendr\u00e1n el derecho ...<br \/><div class=\"pt-cv-rmwrap\"><a href=\"https:\/\/www.dmsjuridica.com\/buscador_20179478954\/corteconstitucionalcronologico202454587\/t-356-05\/\" class=\"_self pt-cv-readmore btn btn-success\" target=\"_self\">Ver Sentencia Completa...<\/a><\/div><\/div><\/div><\/div>\n<div class=\"col-md-12 col-sm-12 col-xs-12 pt-cv-content-item pt-cv-1-col\" ><div class='pt-cv-ifield'><a href=\"https:\/\/www.dmsjuridica.com\/buscador_20179478954\/corteconstitucionalcronologico202454587\/t-355-05\/\" class=\"_self pt-cv-href-thumbnail pt-cv-thumb-default\" target=\"_self\" ><\/a>\n<div class=\"pt-cv-taxoterm above_title\"><a href='https:\/\/www.dmsjuridica.com\/buscador_20179478954\/corteconstitucionalcronologico202454587\/category\/buscar-en-toda-la-corte\/2005\/tutelas-2005\/' title='Tutelas 2005' class='pt-cv-tax-tutelas-2005'>Tutelas 2005<\/a><\/div>\n<h4 class=\"pt-cv-title\"><a href=\"https:\/\/www.dmsjuridica.com\/buscador_20179478954\/corteconstitucionalcronologico202454587\/t-355-05\/\" class=\"_self\" target=\"_self\" >T-355-05<\/a><\/h4>\n<div class=\"pt-cv-content\">\u00a0 \u00a0 Sentencia T-355\/05 \u00a0 MUJER EMBARAZADA-Protecci\u00f3n constitucional especial\/DERECHO A LA MATERNIDAD-Materializaci\u00f3n de la protecci\u00f3n especial a la mujer \u00a0 LICENCIA DE MATERNIDAD-Asunci\u00f3n de patrono por mora en aportes a EPS\/LICENCIA DE MATERNIDAD-Pago por allanamiento a la mora por EPS \u00a0 LICENCIA DE MATERNIDAD-Cotizaci\u00f3n de periodo igual al de gestaci\u00f3n para tener derecho al pago\/LICENCIA DE MATERNIDAD-T\u00e9rmino para solicitar pago dentro del a\u00f1o siguiente al nacimiento del ni\u00f1o \u00a0 Referencia: expediente T-1012477 \u00a0 Accionante: Ana Tulia P\u00e9rez Carmona \u00a0 Demandado: SaludCoop EPS. \u00a0 Magistrado Ponente:\u00a0 \u00a0 Dr. RODRIGO ESCOBAR GIL \u00a0 Bogot\u00e1, D.C., siete (7) de abril de dos mil ...<br \/><div class=\"pt-cv-rmwrap\"><a href=\"https:\/\/www.dmsjuridica.com\/buscador_20179478954\/corteconstitucionalcronologico202454587\/t-355-05\/\" class=\"_self pt-cv-readmore btn btn-success\" target=\"_self\">Ver Sentencia Completa...<\/a><\/div><\/div><\/div><\/div>\n<div class=\"col-md-12 col-sm-12 col-xs-12 pt-cv-content-item pt-cv-1-col\" ><div class='pt-cv-ifield'><a href=\"https:\/\/www.dmsjuridica.com\/buscador_20179478954\/corteconstitucionalcronologico202454587\/t-354-05\/\" class=\"_self pt-cv-href-thumbnail pt-cv-thumb-default\" target=\"_self\" ><\/a>\n<div class=\"pt-cv-taxoterm above_title\"><a href='https:\/\/www.dmsjuridica.com\/buscador_20179478954\/corteconstitucionalcronologico202454587\/category\/buscar-en-toda-la-corte\/2005\/tutelas-2005\/' title='Tutelas 2005' class='pt-cv-tax-tutelas-2005'>Tutelas 2005<\/a><\/div>\n<h4 class=\"pt-cv-title\"><a href=\"https:\/\/www.dmsjuridica.com\/buscador_20179478954\/corteconstitucionalcronologico202454587\/t-354-05\/\" class=\"_self\" target=\"_self\" >T-354-05<\/a><\/h4>\n<div class=\"pt-cv-content\">\u00a0 \u00a0 Sentencia T-354\/05 \u00a0 DERECHO A LA SALUD Y A LA SEGURIDAD SOCIAL-Fundamentales por conexidad \u00a0 PRINCIPIO DE CONTINUIDAD EN EL SERVICIO DE SALUD-Prestaci\u00f3n ininterrumpida, constante y permanente \u00a0 El principio de continuidad, mediante el cual se busca garantizar a los titulares del derecho a la atenci\u00f3n en salud que han ingresado al sistema de General de Seguridad Social, la prestaci\u00f3n ininterrumpida, constante y permanente de los servicios, como una garant\u00eda de protecci\u00f3n de los derechos a la vida y a la salud. Dicho en otras palabras, el principio de continuidad se materializa en el derecho de los ciudadanos ...<br \/><div class=\"pt-cv-rmwrap\"><a href=\"https:\/\/www.dmsjuridica.com\/buscador_20179478954\/corteconstitucionalcronologico202454587\/t-354-05\/\" class=\"_self pt-cv-readmore btn btn-success\" target=\"_self\">Ver Sentencia Completa...<\/a><\/div><\/div><\/div><\/div>\n<div class=\"col-md-12 col-sm-12 col-xs-12 pt-cv-content-item pt-cv-1-col\" ><div class='pt-cv-ifield'><a href=\"https:\/\/www.dmsjuridica.com\/buscador_20179478954\/corteconstitucionalcronologico202454587\/t-353-05\/\" class=\"_self pt-cv-href-thumbnail pt-cv-thumb-default\" target=\"_self\" ><\/a>\n<div class=\"pt-cv-taxoterm above_title\"><a href='https:\/\/www.dmsjuridica.com\/buscador_20179478954\/corteconstitucionalcronologico202454587\/category\/buscar-en-toda-la-corte\/2005\/tutelas-2005\/' title='Tutelas 2005' class='pt-cv-tax-tutelas-2005'>Tutelas 2005<\/a><\/div>\n<h4 class=\"pt-cv-title\"><a href=\"https:\/\/www.dmsjuridica.com\/buscador_20179478954\/corteconstitucionalcronologico202454587\/t-353-05\/\" class=\"_self\" target=\"_self\" >T-353-05<\/a><\/h4>\n<div class=\"pt-cv-content\">\u00a0 \u00a0 Expediente T-1.010.143 \u00a0 Sentencia T-353\/05 \u00a0 ACCION DE TUTELA-Mecanismo excepcional y subsidiario\/VIA DE HECHO-Improcedencia de la tutela por existir otro medio de defensa judicial \u00a0 Referencia: expediente T-1010143 \u00a0 Accionante: Jos\u00e9 Germ\u00e1n Rosas Rosas, en nombre propio y en representaci\u00f3n de su hija menor Mar\u00eda Jos\u00e9 Rosas Herrera. \u00a0 Demandado: Juzgado Tercero de Familia de Pasto -Nari\u00f1o-. \u00a0 \u00a0 Magistrado Ponente:\u00a0 \u00a0 Dr. RODRIGO ESCOBAR GIL \u00a0 Bogot\u00e1, D.C., siete (7) de abril de dos mil cinco (2005). \u00a0 La Sala Quinta de Revisi\u00f3n de la Corte Constitucional, integrada por los Magistrados Rodrigo Escobar Gil, Marco Gerardo Monroy ...<br \/><div class=\"pt-cv-rmwrap\"><a href=\"https:\/\/www.dmsjuridica.com\/buscador_20179478954\/corteconstitucionalcronologico202454587\/t-353-05\/\" class=\"_self pt-cv-readmore btn btn-success\" target=\"_self\">Ver Sentencia Completa...<\/a><\/div><\/div><\/div><\/div>\n<div class=\"col-md-12 col-sm-12 col-xs-12 pt-cv-content-item pt-cv-1-col\" ><div class='pt-cv-ifield'><a href=\"https:\/\/www.dmsjuridica.com\/buscador_20179478954\/corteconstitucionalcronologico202454587\/t-352-05\/\" class=\"_self pt-cv-href-thumbnail pt-cv-thumb-default\" target=\"_self\" ><\/a>\n<div class=\"pt-cv-taxoterm above_title\"><a href='https:\/\/www.dmsjuridica.com\/buscador_20179478954\/corteconstitucionalcronologico202454587\/category\/buscar-en-toda-la-corte\/2005\/tutelas-2005\/' title='Tutelas 2005' class='pt-cv-tax-tutelas-2005'>Tutelas 2005<\/a><\/div>\n<h4 class=\"pt-cv-title\"><a href=\"https:\/\/www.dmsjuridica.com\/buscador_20179478954\/corteconstitucionalcronologico202454587\/t-352-05\/\" class=\"_self\" target=\"_self\" >T-352-05<\/a><\/h4>\n<div class=\"pt-cv-content\">\u00a0 \u00a0 Sentencia T-352\/05 \u00a0 ACCION DE TUTELA CONTRA PARTICULARES-Eventos en los que procede \u00a0 El constituyente (art\u00edculo 86), al denotar el riesgo de poder que ostentan los particulares en ciertas relaciones jur\u00eddicas especiales, decidi\u00f3 establecer tres eventos en los cuales es procedente la acci\u00f3n de tutela contra particulares. A saber: (i) cuando estos se encarguen de la prestaci\u00f3n de un servicio p\u00fablico, (ii) cuando con su conducta afecten grave y directamente el inter\u00e9s colectivo, y (iii) cuando el solicitante se encuentre en estado de subordinaci\u00f3n o indefensi\u00f3n respecto de quienes amenazan o lesionan sus derechos fundamentales. Por su parte, ...<br \/><div class=\"pt-cv-rmwrap\"><a href=\"https:\/\/www.dmsjuridica.com\/buscador_20179478954\/corteconstitucionalcronologico202454587\/t-352-05\/\" class=\"_self pt-cv-readmore btn btn-success\" target=\"_self\">Ver Sentencia Completa...<\/a><\/div><\/div><\/div><\/div>\n<div class=\"col-md-12 col-sm-12 col-xs-12 pt-cv-content-item pt-cv-1-col\" ><div class='pt-cv-ifield'><a href=\"https:\/\/www.dmsjuridica.com\/buscador_20179478954\/corteconstitucionalcronologico202454587\/t-351-05\/\" class=\"_self pt-cv-href-thumbnail pt-cv-thumb-default\" target=\"_self\" ><\/a>\n<div class=\"pt-cv-taxoterm above_title\"><a href='https:\/\/www.dmsjuridica.com\/buscador_20179478954\/corteconstitucionalcronologico202454587\/category\/buscar-en-toda-la-corte\/2005\/tutelas-2005\/' title='Tutelas 2005' class='pt-cv-tax-tutelas-2005'>Tutelas 2005<\/a><\/div>\n<h4 class=\"pt-cv-title\"><a href=\"https:\/\/www.dmsjuridica.com\/buscador_20179478954\/corteconstitucionalcronologico202454587\/t-351-05\/\" class=\"_self\" target=\"_self\" >T-351-05<\/a><\/h4>\n<div class=\"pt-cv-content\">\u00a0 \u00a0 Sentencia T-351\/05 \u00a0 DERECHO A LA SEGURIDAD SOCIAL Y A LA VIDA-Fundamentales por conexidad \u00a0 DERECHO A LA SEGURIDAD SOCIAL-Desarrollo legislativo\/REGIMEN ESPECIAL DE SEGURIDAD SOCIAL-Derechos adquiridos de determinados sectores laborales \u00a0 FONDO NACIONAL DE PRESTACIONES SOCIALES DEL MAGISTERIO-R\u00e9gimen de beneficiarios de servicios de salud \u00a0 SISTEMA DE SEGURIDAD SOCIAL EN SALUD-R\u00e9gimen m\u00ednimo de beneficiarios en Fondo Nacional de Prestaciones del Magisterio \u00a0 FONDO NACIONAL DE PRESTACIONES SOCIALES DEL MAGISTERIO-Inexistencia de homogeneidad en cuanto al servicio de salud y atenci\u00f3n a los beneficiarios \u00a0 No existe \u201chomogeneidad nacional en punto a los servicios de salud y a la atenci\u00f3n ...<br \/><div class=\"pt-cv-rmwrap\"><a href=\"https:\/\/www.dmsjuridica.com\/buscador_20179478954\/corteconstitucionalcronologico202454587\/t-351-05\/\" class=\"_self pt-cv-readmore btn btn-success\" target=\"_self\">Ver Sentencia Completa...<\/a><\/div><\/div><\/div><\/div>\n<div class=\"col-md-12 col-sm-12 col-xs-12 pt-cv-content-item pt-cv-1-col\" ><div class='pt-cv-ifield'><a href=\"https:\/\/www.dmsjuridica.com\/buscador_20179478954\/corteconstitucionalcronologico202454587\/t-350-05\/\" class=\"_self pt-cv-href-thumbnail pt-cv-thumb-default\" target=\"_self\" ><\/a>\n<div class=\"pt-cv-taxoterm above_title\"><a href='https:\/\/www.dmsjuridica.com\/buscador_20179478954\/corteconstitucionalcronologico202454587\/category\/buscar-en-toda-la-corte\/2005\/tutelas-2005\/' title='Tutelas 2005' class='pt-cv-tax-tutelas-2005'>Tutelas 2005<\/a><\/div>\n<h4 class=\"pt-cv-title\"><a href=\"https:\/\/www.dmsjuridica.com\/buscador_20179478954\/corteconstitucionalcronologico202454587\/t-350-05\/\" class=\"_self\" target=\"_self\" >T-350-05<\/a><\/h4>\n<div class=\"pt-cv-content\">\u00a0 \u00a0 Sentencia T-350\/05 \u00a0 MUJER EMBARAZADA-Protecci\u00f3n constitucional especial \u00a0 LICENCIA DE MATERNIDAD-Procedencia excepcional de tutela para el pago\/LICENCIA DE MATERNIDAD-Pago por tutela cuando afecta el m\u00ednimo vital de la madre y su hijo \u00a0 LICENCIA DE MATERNIDAD-Protecci\u00f3n especial al menor\/LICENCIA DE MATERNIDAD-Pago por allanamiento a la mora por EPS \u00a0 Referencia: expediente: T-1040958 \u00a0 Accionante: Adriana Marcela Espinosa Melgarejo \u00a0 Procedencia: Juzgado Once Civil Municipal de Bucaramanga \u00a0 Magistrado Ponente:\u00a0 \u00a0 Dr. MARCO GERARDO MONROY CABRA \u00a0 Bogot\u00e1 D.C., siete (7) de abril de dos mil cinco (2005) \u00a0 La Sala Sexta de Revisi\u00f3n de la Corte Constitucional, integrada ...<br \/><div class=\"pt-cv-rmwrap\"><a href=\"https:\/\/www.dmsjuridica.com\/buscador_20179478954\/corteconstitucionalcronologico202454587\/t-350-05\/\" class=\"_self pt-cv-readmore btn btn-success\" target=\"_self\">Ver Sentencia Completa...<\/a><\/div><\/div><\/div><\/div>\n<div class=\"col-md-12 col-sm-12 col-xs-12 pt-cv-content-item pt-cv-1-col\" ><div class='pt-cv-ifield'><a href=\"https:\/\/www.dmsjuridica.com\/buscador_20179478954\/corteconstitucionalcronologico202454587\/t-349-05\/\" class=\"_self pt-cv-href-thumbnail pt-cv-thumb-default\" target=\"_self\" ><\/a>\n<div class=\"pt-cv-taxoterm above_title\"><a href='https:\/\/www.dmsjuridica.com\/buscador_20179478954\/corteconstitucionalcronologico202454587\/category\/buscar-en-toda-la-corte\/2005\/tutelas-2005\/' title='Tutelas 2005' class='pt-cv-tax-tutelas-2005'>Tutelas 2005<\/a><\/div>\n<h4 class=\"pt-cv-title\"><a href=\"https:\/\/www.dmsjuridica.com\/buscador_20179478954\/corteconstitucionalcronologico202454587\/t-349-05\/\" class=\"_self\" target=\"_self\" >T-349-05<\/a><\/h4>\n<div class=\"pt-cv-content\">\u00a0 \u00a0 Sentencia T-349\/05 \u00a0 ACCION DE TUTELA-Improcedencia por existir otro medio de defensa judicial \u00a0 PROCEDIMIENTO DE REVISION DE CUOTA ALIMENTARIA-Medio id\u00f3neo de defensa judicial en el caso concreto \u00a0 Referencia: expediente T-1021948 \u00a0 Peticionaria: Amanda Emperatriz G\u00f3mez Santos \u00a0 Accionado: Juzgado S\u00e9ptimo de Familia de Bogot\u00e1 \u00a0 Magistrado Ponente:\u00a0 \u00a0 Dr. MARCO GERARDO MONROY CABRA \u00a0 Bogot\u00e1 D.C., siete (7) de abril de dos mil cinco (2005) \u00a0 La Sala Sexta de la Corte Constitucional, integrada por los Magistrados Humberto Antonio Sierra Porto, \u00c1lvaro Tafur Galvis y Marco Gerardo Monroy Cabra, quien la preside, en ejercicio de sus ...<br \/><div class=\"pt-cv-rmwrap\"><a href=\"https:\/\/www.dmsjuridica.com\/buscador_20179478954\/corteconstitucionalcronologico202454587\/t-349-05\/\" class=\"_self pt-cv-readmore btn btn-success\" target=\"_self\">Ver Sentencia Completa...<\/a><\/div><\/div><\/div><\/div>\n<div class=\"col-md-12 col-sm-12 col-xs-12 pt-cv-content-item pt-cv-1-col\" ><div class='pt-cv-ifield'><a href=\"https:\/\/www.dmsjuridica.com\/buscador_20179478954\/corteconstitucionalcronologico202454587\/t-348-05\/\" class=\"_self pt-cv-href-thumbnail pt-cv-thumb-default\" target=\"_self\" ><\/a>\n<div class=\"pt-cv-taxoterm above_title\"><a href='https:\/\/www.dmsjuridica.com\/buscador_20179478954\/corteconstitucionalcronologico202454587\/category\/buscar-en-toda-la-corte\/2005\/tutelas-2005\/' title='Tutelas 2005' class='pt-cv-tax-tutelas-2005'>Tutelas 2005<\/a><\/div>\n<h4 class=\"pt-cv-title\"><a href=\"https:\/\/www.dmsjuridica.com\/buscador_20179478954\/corteconstitucionalcronologico202454587\/t-348-05\/\" class=\"_self\" target=\"_self\" >T-348-05<\/a><\/h4>\n<div class=\"pt-cv-content\">\u00a0 \u00a0 Sentencia T-348\/05 \u00a0 SISTEMA DE SEGURIDAD SOCIAL EN SALUD-Caracter\u00edsticas \u00a0 PLANES ADICIONALES DE SALUD-Naturaleza\/PLANES ADICIONALES DE SALUD-Tipos \u00a0 Los P.A.S. pueden ser de tres tipos: planes de atenci\u00f3n complementaria en salud, planes de medicina prepagada y p\u00f3lizas de salud. Dichos planes pueden ser ofrecidos por las E.P.S., las E.A.S., las compa\u00f1\u00edas de medicina prepagada y las aseguradoras. Ahora bien, esta Corporaci\u00f3n ha se\u00f1alado que la posibilidad de ofrecer y, a su vez, de ser beneficiario de un P.A.S. es constitucionalmente admisible siempre que ello no implique una sustituci\u00f3n del P.O.S. ni el traslado de la responsabilidad de los ...<br \/><div class=\"pt-cv-rmwrap\"><a href=\"https:\/\/www.dmsjuridica.com\/buscador_20179478954\/corteconstitucionalcronologico202454587\/t-348-05\/\" class=\"_self pt-cv-readmore btn btn-success\" target=\"_self\">Ver Sentencia Completa...<\/a><\/div><\/div><\/div><\/div>\n<div class=\"col-md-12 col-sm-12 col-xs-12 pt-cv-content-item pt-cv-1-col\" ><div class='pt-cv-ifield'><a href=\"https:\/\/www.dmsjuridica.com\/buscador_20179478954\/corteconstitucionalcronologico202454587\/t-347-05\/\" class=\"_self pt-cv-href-thumbnail pt-cv-thumb-default\" target=\"_self\" ><\/a>\n<div class=\"pt-cv-taxoterm above_title\"><a href='https:\/\/www.dmsjuridica.com\/buscador_20179478954\/corteconstitucionalcronologico202454587\/category\/buscar-en-toda-la-corte\/2005\/tutelas-2005\/' title='Tutelas 2005' class='pt-cv-tax-tutelas-2005'>Tutelas 2005<\/a><\/div>\n<h4 class=\"pt-cv-title\"><a href=\"https:\/\/www.dmsjuridica.com\/buscador_20179478954\/corteconstitucionalcronologico202454587\/t-347-05\/\" class=\"_self\" target=\"_self\" >T-347-05<\/a><\/h4>\n<div class=\"pt-cv-content\">\u00a0 \u00a0 Sentencia T-347\/05 \u00a0 DERECHO A LA SALUD-Fundamental por conexidad con la vida digna\/DERECHO A LA SALUD-No puede afectarse por mora patronal en pago de aportes \u00a0 EMPLEADOR-Circunstancias en que \u00e9ste asume la responsabilidad por mora en aportes en salud \u00a0 La Corte ha insistido en el cumplimiento de los deberes que tienen los empleadores, encargados de efectuar las cotizaciones al Sistema General de Seguridad Social en Salud de sus trabajadores, de realizar oportunamente los respectivos pagos de aportes. En consecuencia ha advertido que resulta admisible que en sede de tutela el juez constitucional desplace la responsabilidad de la ...<br \/><div class=\"pt-cv-rmwrap\"><a href=\"https:\/\/www.dmsjuridica.com\/buscador_20179478954\/corteconstitucionalcronologico202454587\/t-347-05\/\" class=\"_self pt-cv-readmore btn btn-success\" target=\"_self\">Ver Sentencia Completa...<\/a><\/div><\/div><\/div><\/div>\n<div class=\"col-md-12 col-sm-12 col-xs-12 pt-cv-content-item pt-cv-1-col\" ><div class='pt-cv-ifield'><a href=\"https:\/\/www.dmsjuridica.com\/buscador_20179478954\/corteconstitucionalcronologico202454587\/t-346-05\/\" class=\"_self pt-cv-href-thumbnail pt-cv-thumb-default\" target=\"_self\" ><\/a>\n<div class=\"pt-cv-taxoterm above_title\"><a href='https:\/\/www.dmsjuridica.com\/buscador_20179478954\/corteconstitucionalcronologico202454587\/category\/buscar-en-toda-la-corte\/2005\/tutelas-2005\/' title='Tutelas 2005' class='pt-cv-tax-tutelas-2005'>Tutelas 2005<\/a><\/div>\n<h4 class=\"pt-cv-title\"><a href=\"https:\/\/www.dmsjuridica.com\/buscador_20179478954\/corteconstitucionalcronologico202454587\/t-346-05\/\" class=\"_self\" target=\"_self\" >T-346-05<\/a><\/h4>\n<div class=\"pt-cv-content\">\u00a0 \u00a0 Sentencia T-346\/05 \u00a0 DERECHO A LA SALUD-Fundamental por conexidad con la vida digna \u00a0 SISBEN-Sistema de selecci\u00f3n de beneficiarios \u00a0 ENTIDAD PRESTADORA DE SALUD-Obligaciones con el usuario surgen desde que \u00e9ste es afiliado-cotizante o beneficiario \u00a0 De conformidad con la normatividad vigente sobre la materia es claro que el deber de prestar la atenci\u00f3n en salud solamente surge para la EPS o ARS en el momento en que la persona adquiere la calidad de afiliado-cotizante o beneficiario, en ese entendido mientras el usuario del servicio p\u00fablico de salud no ostente tal calidad de afiliado al sistema, no tiene ...<br \/><div class=\"pt-cv-rmwrap\"><a href=\"https:\/\/www.dmsjuridica.com\/buscador_20179478954\/corteconstitucionalcronologico202454587\/t-346-05\/\" class=\"_self pt-cv-readmore btn btn-success\" target=\"_self\">Ver Sentencia Completa...<\/a><\/div><\/div><\/div><\/div>\n<div class=\"col-md-12 col-sm-12 col-xs-12 pt-cv-content-item pt-cv-1-col\" ><div class='pt-cv-ifield'><a href=\"https:\/\/www.dmsjuridica.com\/buscador_20179478954\/corteconstitucionalcronologico202454587\/t-345-05\/\" class=\"_self pt-cv-href-thumbnail pt-cv-thumb-default\" target=\"_self\" ><\/a>\n<div class=\"pt-cv-taxoterm above_title\"><a href='https:\/\/www.dmsjuridica.com\/buscador_20179478954\/corteconstitucionalcronologico202454587\/category\/buscar-en-toda-la-corte\/2005\/tutelas-2005\/' title='Tutelas 2005' class='pt-cv-tax-tutelas-2005'>Tutelas 2005<\/a><\/div>\n<h4 class=\"pt-cv-title\"><a href=\"https:\/\/www.dmsjuridica.com\/buscador_20179478954\/corteconstitucionalcronologico202454587\/t-345-05\/\" class=\"_self\" target=\"_self\" >T-345-05<\/a><\/h4>\n<div class=\"pt-cv-content\">\u00a0 \u00a0 Sentencia T-345\/05 \u00a0 ACCION DE TUTELA CONTRA PROVIDENCIAS JUDICIALES-Procedencia excepcional por v\u00eda de hecho\u00a0 \u00a0 INTERPRETACION JUDICIAL-Limitada por las normas y la Constituci\u00f3n\/PRINCIPIO DE SITUACION MAS FAVORABLE AL TRABAJADOR EN CASO DE DUDA EN LA APLICACION E INTERPRETACION DE FUENTES FORMALES DEL DERECHO \u00a0 ACTO PROPIO-Su negaci\u00f3n contrar\u00eda el principio de la buena fe y atenta contra los derechos de los ciudadanos\u00a0 \u00a0 PRINCIPIO DE SITUACION MAS FAVORABLE AL TRABAJADOR EN CASO DE DUDA EN LA APLICACION E INTERPRETACION DE FUENTES FORMALES DEL DERECHO-Desconocimiento por el juez implica v\u00eda de hecho \u00a0 Referencia: expediente T-993562 \u00a0 Acci\u00f3n de ...<br \/><div class=\"pt-cv-rmwrap\"><a href=\"https:\/\/www.dmsjuridica.com\/buscador_20179478954\/corteconstitucionalcronologico202454587\/t-345-05\/\" class=\"_self pt-cv-readmore btn btn-success\" target=\"_self\">Ver Sentencia Completa...<\/a><\/div><\/div><\/div><\/div>\n<div class=\"col-md-12 col-sm-12 col-xs-12 pt-cv-content-item pt-cv-1-col\" ><div class='pt-cv-ifield'><a href=\"https:\/\/www.dmsjuridica.com\/buscador_20179478954\/corteconstitucionalcronologico202454587\/t-344-05\/\" class=\"_self pt-cv-href-thumbnail pt-cv-thumb-default\" target=\"_self\" ><\/a>\n<div class=\"pt-cv-taxoterm above_title\"><a href='https:\/\/www.dmsjuridica.com\/buscador_20179478954\/corteconstitucionalcronologico202454587\/category\/buscar-en-toda-la-corte\/2005\/tutelas-2005\/' title='Tutelas 2005' class='pt-cv-tax-tutelas-2005'>Tutelas 2005<\/a><\/div>\n<h4 class=\"pt-cv-title\"><a href=\"https:\/\/www.dmsjuridica.com\/buscador_20179478954\/corteconstitucionalcronologico202454587\/t-344-05\/\" class=\"_self\" target=\"_self\" >T-344-05<\/a><\/h4>\n<div class=\"pt-cv-content\">\u00a0 \u00a0 Sentencia T-344\/05 \u00a0 DERECHO A LA PENSION DE INVALIDEZ-Conexidad con el m\u00ednimo vital y el derecho a la igualdad \u00a0 EMPLEADOR-Responsabilidad en aportes aunque no hubiere efectuado descuentos \u00a0 ENTIDAD ADMINISTRADORA DE PENSIONES-Reconocimiento aunque empleador no hubiere cotizado algunos meses \u00a0 DERECHO A LA PENSION DE INVALIDEZ-No puede afectarse por mora patronal en aportes a la ARP \u00a0 Referencia: expediente T-1057130 \u00a0 Acci\u00f3n de tutela instaurada por Juan de Dios Garc\u00eda P\u00e9rez contra el Fondo de Pensiones y Cesant\u00edas BBVA \u00a0Horizonte. \u00a0 Magistrado Ponente: \u00a0 Dr. JAIME ARA\u00daJO RENTERIA. \u00a0 Bogot\u00e1, D. C., seis (6) de abril de ...<br \/><div class=\"pt-cv-rmwrap\"><a href=\"https:\/\/www.dmsjuridica.com\/buscador_20179478954\/corteconstitucionalcronologico202454587\/t-344-05\/\" class=\"_self pt-cv-readmore btn btn-success\" target=\"_self\">Ver Sentencia Completa...<\/a><\/div><\/div><\/div><\/div>\n<div class=\"col-md-12 col-sm-12 col-xs-12 pt-cv-content-item pt-cv-1-col\" ><div class='pt-cv-ifield'><a href=\"https:\/\/www.dmsjuridica.com\/buscador_20179478954\/corteconstitucionalcronologico202454587\/t-343-05\/\" class=\"_self pt-cv-href-thumbnail pt-cv-thumb-default\" target=\"_self\" ><\/a>\n<div class=\"pt-cv-taxoterm above_title\"><a href='https:\/\/www.dmsjuridica.com\/buscador_20179478954\/corteconstitucionalcronologico202454587\/category\/buscar-en-toda-la-corte\/2005\/tutelas-2005\/' title='Tutelas 2005' class='pt-cv-tax-tutelas-2005'>Tutelas 2005<\/a><\/div>\n<h4 class=\"pt-cv-title\"><a href=\"https:\/\/www.dmsjuridica.com\/buscador_20179478954\/corteconstitucionalcronologico202454587\/t-343-05\/\" class=\"_self\" target=\"_self\" >T-343-05<\/a><\/h4>\n<div class=\"pt-cv-content\">\u00a0 \u00a0 Sentencia T-343\/05 \u00a0 REGIMEN SUBSIDIADO DE SEGURIDAD SOCIAL EN SALUD-Naturaleza\/REGIMEN SUBSIDIADO DE SEGURIDAD SOCIAL EN SALUD-Administraci\u00f3n en cabeza de las direcciones distritales o departamentales de salud \u00a0 SISBEN-Regulaci\u00f3n ineficiente para detectar a las personas pobres\/SISBEN-Regulaci\u00f3n ineficiente y contraria al orden p\u00fablico de la salud \u00a0 HABEAS DATA ADMINISTRATIVO EN PROGRAMA DEL SISBEN-Nueva encuesta para reclasificaci\u00f3n \u00a0 DERECHO A LA SALUD DEL ENFERMO DE SIDA-Fundamental por conexidad con la vida\/DERECHO A LA SALUD DEL ENFERMO DE SIDA-Atenci\u00f3n medica a\u00fan sin cumplir periodo m\u00ednimo de cotizaci\u00f3n o sin pagar las cuotas moderadoras o los copagos por falta de recursos econ\u00f3micos ...<br \/><div class=\"pt-cv-rmwrap\"><a href=\"https:\/\/www.dmsjuridica.com\/buscador_20179478954\/corteconstitucionalcronologico202454587\/t-343-05\/\" class=\"_self pt-cv-readmore btn btn-success\" target=\"_self\">Ver Sentencia Completa...<\/a><\/div><\/div><\/div><\/div>\n<div class=\"col-md-12 col-sm-12 col-xs-12 pt-cv-content-item pt-cv-1-col\" ><div class='pt-cv-ifield'><a href=\"https:\/\/www.dmsjuridica.com\/buscador_20179478954\/corteconstitucionalcronologico202454587\/t-342-05\/\" class=\"_self pt-cv-href-thumbnail pt-cv-thumb-default\" target=\"_self\" ><\/a>\n<div class=\"pt-cv-taxoterm above_title\"><a href='https:\/\/www.dmsjuridica.com\/buscador_20179478954\/corteconstitucionalcronologico202454587\/category\/buscar-en-toda-la-corte\/2005\/tutelas-2005\/' title='Tutelas 2005' class='pt-cv-tax-tutelas-2005'>Tutelas 2005<\/a><\/div>\n<h4 class=\"pt-cv-title\"><a href=\"https:\/\/www.dmsjuridica.com\/buscador_20179478954\/corteconstitucionalcronologico202454587\/t-342-05\/\" class=\"_self\" target=\"_self\" >T-342-05<\/a><\/h4>\n<div class=\"pt-cv-content\">\u00a0 \u00a0 Sentencia T-342\/05 \u00a0 DERECHO A LA SALUD DEL NI\u00d1O-Fundamental \u00a0 INAPLICACION DE NORMAS DEL PLAN OBLIGATORIO DE SALUD-Procedencia en cuanto a las tirillas para la medici\u00f3n del nivel de az\u00facar\/DERECHO A LA SALUD DEL MENOR-Suministro de tirillas y gluc\u00f3metro para medici\u00f3n de nivel de az\u00facar \u00a0 ENTIDAD PROMOTORA DE SALUD-Suministro de medicamentos a menor \u00a0 Reiteraci\u00f3n de jurisprudencia \u00a0 Referencia: expediente T-1036666\u00a0 \u00a0 Acci\u00f3n de tutela instaurada por Mar\u00eda Leonilde Merch\u00e1n S\u00e1enz en representaci\u00f3n de su menor hija contra la Polic\u00eda Nacional Direcci\u00f3n de Sanidad. \u00a0 Dr. JAIME ARA\u00daJO RENTER\u00cdA \u00a0 Bogot\u00e1, D. C., seis (6) de abril ...<br \/><div class=\"pt-cv-rmwrap\"><a href=\"https:\/\/www.dmsjuridica.com\/buscador_20179478954\/corteconstitucionalcronologico202454587\/t-342-05\/\" class=\"_self pt-cv-readmore btn btn-success\" target=\"_self\">Ver Sentencia Completa...<\/a><\/div><\/div><\/div><\/div>\n<div class=\"col-md-12 col-sm-12 col-xs-12 pt-cv-content-item pt-cv-1-col\" ><div class='pt-cv-ifield'><a href=\"https:\/\/www.dmsjuridica.com\/buscador_20179478954\/corteconstitucionalcronologico202454587\/t-341-05\/\" class=\"_self pt-cv-href-thumbnail pt-cv-thumb-default\" target=\"_self\" ><\/a>\n<div class=\"pt-cv-taxoterm above_title\"><a href='https:\/\/www.dmsjuridica.com\/buscador_20179478954\/corteconstitucionalcronologico202454587\/category\/buscar-en-toda-la-corte\/2005\/tutelas-2005\/' title='Tutelas 2005' class='pt-cv-tax-tutelas-2005'>Tutelas 2005<\/a><\/div>\n<h4 class=\"pt-cv-title\"><a href=\"https:\/\/www.dmsjuridica.com\/buscador_20179478954\/corteconstitucionalcronologico202454587\/t-341-05\/\" class=\"_self\" target=\"_self\" >T-341-05<\/a><\/h4>\n<div class=\"pt-cv-content\">\u00a0 \u00a0 Sentencia T-341\/05 \u00a0 ACCION DE TUTELA-Demostraci\u00f3n de amenaza o vulneraci\u00f3n de derechos fundamentales\/ACCION DE TUTELA-Improcedencia por no demostraci\u00f3n de amenaza o vulneraci\u00f3n de derechos fundamentales \u00a0 Referencia: expediente T-1028664 \u00a0 Acci\u00f3n de tutela instaurada por Lucila Esther Angarita Gonz\u00e1lez en representaci\u00f3n de su madre, Mar\u00eda Dioselina Gonz\u00e1lez Duarte contra el Instituto de Seguros Sociales. \u00a0 Dr. JAIME ARAUJO RENTERIA \u00a0 Bogot\u00e1, D. C., \u00a0seis ( 6 ) de abril de dos mil cinco (2005). \u00a0 La Sala Primera de Revisi\u00f3n de la Corte Constitucional, integrada por los Magistrados JAIME ARAUJO RENTERIA, ALFREDO BELTRAN SIERRA y MANUEL JOSE CEPEDA ...<br \/><div class=\"pt-cv-rmwrap\"><a href=\"https:\/\/www.dmsjuridica.com\/buscador_20179478954\/corteconstitucionalcronologico202454587\/t-341-05\/\" class=\"_self pt-cv-readmore btn btn-success\" target=\"_self\">Ver Sentencia Completa...<\/a><\/div><\/div><\/div><\/div>\n<div class=\"col-md-12 col-sm-12 col-xs-12 pt-cv-content-item pt-cv-1-col\" ><div class='pt-cv-ifield'><a href=\"https:\/\/www.dmsjuridica.com\/buscador_20179478954\/corteconstitucionalcronologico202454587\/t-340-05\/\" class=\"_self pt-cv-href-thumbnail pt-cv-thumb-default\" target=\"_self\" ><\/a>\n<div class=\"pt-cv-taxoterm above_title\"><a href='https:\/\/www.dmsjuridica.com\/buscador_20179478954\/corteconstitucionalcronologico202454587\/category\/buscar-en-toda-la-corte\/2005\/tutelas-2005\/' title='Tutelas 2005' class='pt-cv-tax-tutelas-2005'>Tutelas 2005<\/a><\/div>\n<h4 class=\"pt-cv-title\"><a href=\"https:\/\/www.dmsjuridica.com\/buscador_20179478954\/corteconstitucionalcronologico202454587\/t-340-05\/\" class=\"_self\" target=\"_self\" >T-340-05<\/a><\/h4>\n<div class=\"pt-cv-content\">\u00a0 \u00a0 Sentencia T-340\/05 \u00a0 PRINCIPIO DE LA BUENA FE-Alcance \u00a0 PRINCIPIO DE LA CONFIANZA LEGITIMA-Proyecci\u00f3n de la buena fe \u00a0 PRINCIPIO DE LA CONFIANZA LEGITIMA-Deber de la administraci\u00f3n de cumplir sus decisiones\u00a0 \u00a0 Referencia: expediente T-1024546 \u00a0 Acci\u00f3n de tutela instaurada por Alberto Garc\u00eda Ospina, Jos\u00e9 Ricardo Hern\u00e1ndez, Carmen Rosa Rangel, Virgelina Vinasco, Adalberto Muriel, Carmen Rosa Osorio, Adriana Tamayo, Mar\u00eda Cecilia Melo, Gustavo Adolfo Giraldo, Luz Stella Rojas, Leonor Mill\u00e1n, Marianeila Mill\u00e1n, M\u00f3nica Liliana Cardona, Cruz Stella Posso, Idalia Rosa Tamayo, Mar\u00eda Oneida Velez, Mar\u00eda Lucila Quintero, Luzbiela L\u00f3pez, Rosa Edilma Garc\u00eda Saldarriaga, contra la Gobernaci\u00f3n del Valle ...<br \/><div class=\"pt-cv-rmwrap\"><a href=\"https:\/\/www.dmsjuridica.com\/buscador_20179478954\/corteconstitucionalcronologico202454587\/t-340-05\/\" class=\"_self pt-cv-readmore btn btn-success\" target=\"_self\">Ver Sentencia Completa...<\/a><\/div><\/div><\/div><\/div>\n<div class=\"col-md-12 col-sm-12 col-xs-12 pt-cv-content-item pt-cv-1-col\" ><div class='pt-cv-ifield'><a href=\"https:\/\/www.dmsjuridica.com\/buscador_20179478954\/corteconstitucionalcronologico202454587\/t-339-05\/\" class=\"_self pt-cv-href-thumbnail pt-cv-thumb-default\" target=\"_self\" ><\/a>\n<div class=\"pt-cv-taxoterm above_title\"><a href='https:\/\/www.dmsjuridica.com\/buscador_20179478954\/corteconstitucionalcronologico202454587\/category\/buscar-en-toda-la-corte\/2005\/tutelas-2005\/' title='Tutelas 2005' class='pt-cv-tax-tutelas-2005'>Tutelas 2005<\/a><\/div>\n<h4 class=\"pt-cv-title\"><a href=\"https:\/\/www.dmsjuridica.com\/buscador_20179478954\/corteconstitucionalcronologico202454587\/t-339-05\/\" class=\"_self\" target=\"_self\" >T-339-05<\/a><\/h4>\n<div class=\"pt-cv-content\">DERECHO A LA SALUD-Fundamental por conexidad con la vida digna \u00a0 INAPLICACION DE NORMAS DEL PLAN OBLIGATORIO DE SALUD-Hip\u00f3tesis f\u00e1cticas que la determinan \u00a0 COMITE TECNICO CIENTIFICO DE ENTIDAD PROMOTORA DE SALUD-Su concepto no es requisito indispensable para otorgar medicamentos o tratamientos \u00a0 COMITE TECNICO CIENTIFICO DE ENTIDAD PROMOTORA DE SALUD-Funci\u00f3n administrativa \u00a0 Referencia: expediente T-1020748 \u00a0 Acci\u00f3n de tutela instaurada por \u00a0la se\u00f1ora Mar\u00eda Lucila Taquez contra el Seguro Social, Seccional Cauca. \u00a0 \u00a0 \u00a0 Magistrado Ponente: \u00a0 Dr. JAIME ARA\u00daJO RENTER\u00cdA \u00a0 Bogot\u00e1, D. C., seis ( 6 ) de abril de dos mil cinco (2005). \u00a0 La ...<br \/><div class=\"pt-cv-rmwrap\"><a href=\"https:\/\/www.dmsjuridica.com\/buscador_20179478954\/corteconstitucionalcronologico202454587\/t-339-05\/\" class=\"_self pt-cv-readmore btn btn-success\" target=\"_self\">Ver Sentencia Completa...<\/a><\/div><\/div><\/div><\/div>\n<div class=\"col-md-12 col-sm-12 col-xs-12 pt-cv-content-item pt-cv-1-col\" ><div class='pt-cv-ifield'><a href=\"https:\/\/www.dmsjuridica.com\/buscador_20179478954\/corteconstitucionalcronologico202454587\/t-338-05\/\" class=\"_self pt-cv-href-thumbnail pt-cv-thumb-default\" target=\"_self\" ><\/a>\n<div class=\"pt-cv-taxoterm above_title\"><a href='https:\/\/www.dmsjuridica.com\/buscador_20179478954\/corteconstitucionalcronologico202454587\/category\/buscar-en-toda-la-corte\/2005\/tutelas-2005\/' title='Tutelas 2005' class='pt-cv-tax-tutelas-2005'>Tutelas 2005<\/a><\/div>\n<h4 class=\"pt-cv-title\"><a href=\"https:\/\/www.dmsjuridica.com\/buscador_20179478954\/corteconstitucionalcronologico202454587\/t-338-05\/\" class=\"_self\" target=\"_self\" >T-338-05<\/a><\/h4>\n<div class=\"pt-cv-content\">\u00a0 \u00a0 Sentencia T-338\/05 \u00a0 DERECHO A LA SALUD DEL NI\u00d1O-Fundamental prevalente \u00a0 DERECHO A LA SALUD-Beneficiarios del sistema no deben soportar inconvenientes presupuestales o tr\u00e1mites burocr\u00e1ticos \u00a0 PRINCIPIO DE EFICACIA DE LA SEGURIDAD SOCIAL-Prestaci\u00f3n del servicio m\u00e9dico \u00a0 Referencia: expediente T-1016049 \u00a0 Acci\u00f3n de tutela instaurada por Magda Lucero Victoria Boh\u00f3rquez actuando como agente oficioso de su hija Esdinela Santos Victoria contra la Secretar\u00eda de Salud Departamental de Casanare . \u00a0 \u00a0 \u00a0 Magistrado Ponente: \u00a0 Dr. JAIME ARA\u00daJO RENTER\u00cdA \u00a0 La Sala Primera de Revisi\u00f3n de la Corte Constitucional, integrada por los Magistrados ALFREDO BELTR\u00c1N SIERRA, MANUEL JOS\u00c9 ...<br \/><div class=\"pt-cv-rmwrap\"><a href=\"https:\/\/www.dmsjuridica.com\/buscador_20179478954\/corteconstitucionalcronologico202454587\/t-338-05\/\" class=\"_self pt-cv-readmore btn btn-success\" target=\"_self\">Ver Sentencia Completa...<\/a><\/div><\/div><\/div><\/div>\n<div class=\"col-md-12 col-sm-12 col-xs-12 pt-cv-content-item pt-cv-1-col\" ><div class='pt-cv-ifield'><a href=\"https:\/\/www.dmsjuridica.com\/buscador_20179478954\/corteconstitucionalcronologico202454587\/t-337-05\/\" class=\"_self pt-cv-href-thumbnail pt-cv-thumb-default\" target=\"_self\" ><\/a>\n<div class=\"pt-cv-taxoterm above_title\"><a href='https:\/\/www.dmsjuridica.com\/buscador_20179478954\/corteconstitucionalcronologico202454587\/category\/buscar-en-toda-la-corte\/2005\/tutelas-2005\/' title='Tutelas 2005' class='pt-cv-tax-tutelas-2005'>Tutelas 2005<\/a><\/div>\n<h4 class=\"pt-cv-title\"><a href=\"https:\/\/www.dmsjuridica.com\/buscador_20179478954\/corteconstitucionalcronologico202454587\/t-337-05\/\" class=\"_self\" target=\"_self\" >T-337-05<\/a><\/h4>\n<div class=\"pt-cv-content\">\u00a0 \u00a0 Sentencia T-337\/05 \u00a0 ACCION DE TUTELA-Improcedencia para resolver controversias contractuales \u00a0 PRINCIPIO DE AUTONOMIA FUNCIONAL DEL JUEZ-Improcedencia general de tutela para controvertir interpretaciones judiciales\/PRINCIPIO DE AUTONOMIA FUNCIONAL DEL JUEZ-Procedencia excepcional de tutela para controvertir interpretaciones judiciales \u00a0 PRINCIPIO DE IGUALDAD DE PROPONENTES EN CONTRATACION ESTATAL-Alcance \u00a0 Referencia: expediente T-1014496\u00a0 \u00a0 Acci\u00f3n de tutela instaurada por Luis Germ\u00e1n Villaveces Uribe y Mauricio Gerlein Echeverria, obrando en nombre y representaci\u00f3n de las sociedades VIC Ltda. y Valores y Contratos S.A., Valorcon S.A., contra el Instituto Nacional de Concesiones, INCO. \u00a0 Magistrado Ponente: \u00a0 Dr. JAIME ARA\u00daJO RENTER\u00cdA \u00a0 Bogot\u00e1, D ...<br \/><div class=\"pt-cv-rmwrap\"><a href=\"https:\/\/www.dmsjuridica.com\/buscador_20179478954\/corteconstitucionalcronologico202454587\/t-337-05\/\" class=\"_self pt-cv-readmore btn btn-success\" target=\"_self\">Ver Sentencia Completa...<\/a><\/div><\/div><\/div><\/div>\n<div class=\"col-md-12 col-sm-12 col-xs-12 pt-cv-content-item pt-cv-1-col\" ><div class='pt-cv-ifield'><a href=\"https:\/\/www.dmsjuridica.com\/buscador_20179478954\/corteconstitucionalcronologico202454587\/t-336-05\/\" class=\"_self pt-cv-href-thumbnail pt-cv-thumb-default\" target=\"_self\" ><\/a>\n<div class=\"pt-cv-taxoterm above_title\"><a href='https:\/\/www.dmsjuridica.com\/buscador_20179478954\/corteconstitucionalcronologico202454587\/category\/buscar-en-toda-la-corte\/2005\/tutelas-2005\/' title='Tutelas 2005' class='pt-cv-tax-tutelas-2005'>Tutelas 2005<\/a><\/div>\n<h4 class=\"pt-cv-title\"><a href=\"https:\/\/www.dmsjuridica.com\/buscador_20179478954\/corteconstitucionalcronologico202454587\/t-336-05\/\" class=\"_self\" target=\"_self\" >T-336-05<\/a><\/h4>\n<div class=\"pt-cv-content\">\u00a0 \u00a0 Sentencia T-336\/05 \u00a0 DERECHO A LA EDUCACION-Fundamental \u00a0 DERECHO A LA EDUCACION-N\u00facleo esencial\/DERECHO A LA EDUCACION-Acceso y permanencia en el sistema educativo \u00a0 ESTABLECIMIENTO EDUCATIVO-Manuales de convivencia no pueden vulnerar los derechos fundamentales de los educandos \u00a0 Tenemos que es leg\u00edtimo que las instituciones educativas regulen aspectos del servicio p\u00fablico que prestan a trav\u00e9s de los manuales de convivencia, pero les est\u00e1 vedado por la Constituci\u00f3n Pol\u00edtica que a trav\u00e9s de dicha reglamentaci\u00f3n se vulneren los derechos fundamentales de los educandos. \u00a0 ESTABLECIMIENTO EDUCATIVO-No puede oponer la realizaci\u00f3n del derecho a la educaci\u00f3n por desatender deberes contractuales\u00a0 \u00a0 ...<br \/><div class=\"pt-cv-rmwrap\"><a href=\"https:\/\/www.dmsjuridica.com\/buscador_20179478954\/corteconstitucionalcronologico202454587\/t-336-05\/\" class=\"_self pt-cv-readmore btn btn-success\" target=\"_self\">Ver Sentencia Completa...<\/a><\/div><\/div><\/div><\/div>\n<div class=\"col-md-12 col-sm-12 col-xs-12 pt-cv-content-item pt-cv-1-col\" ><div class='pt-cv-ifield'><a href=\"https:\/\/www.dmsjuridica.com\/buscador_20179478954\/corteconstitucionalcronologico202454587\/t-331-05\/\" class=\"_self pt-cv-href-thumbnail pt-cv-thumb-default\" target=\"_self\" ><\/a>\n<div class=\"pt-cv-taxoterm above_title\"><a href='https:\/\/www.dmsjuridica.com\/buscador_20179478954\/corteconstitucionalcronologico202454587\/category\/buscar-en-toda-la-corte\/2005\/tutelas-2005\/' title='Tutelas 2005' class='pt-cv-tax-tutelas-2005'>Tutelas 2005<\/a><\/div>\n<h4 class=\"pt-cv-title\"><a href=\"https:\/\/www.dmsjuridica.com\/buscador_20179478954\/corteconstitucionalcronologico202454587\/t-331-05\/\" class=\"_self\" target=\"_self\" >T-331-05<\/a><\/h4>\n<div class=\"pt-cv-content\">\u00a0 \u00a0 Sentencia T-331\/05 \u00a0 MEDIO DE DEFENSA-Expulsi\u00f3n asociado de sindicato\/ACCION DE TUTELA CONTRA DECISION DE SINDICATO-Procedencia para dirimir conflictos que afecten derechos fundamentales \u00a0 Dirigir una solicitud a la Divisi\u00f3n de Relaciones Colectivas de Trabajo de la Direcci\u00f3n General del Trabajo, para que este organismo adelante una investigaci\u00f3n administrativa relacionadas con el cumplimiento de las disposiciones legales y estatutarias por parte de la asociaci\u00f3n sindical, e imponga las sanciones a que hubiera lugar. Empero, vale la pena preguntarse si esta instancia constituye o no un medio de defensa judicial que enerve la interposici\u00f3n de la acci\u00f3n de tutela. La ...<br \/><div class=\"pt-cv-rmwrap\"><a href=\"https:\/\/www.dmsjuridica.com\/buscador_20179478954\/corteconstitucionalcronologico202454587\/t-331-05\/\" class=\"_self pt-cv-readmore btn btn-success\" target=\"_self\">Ver Sentencia Completa...<\/a><\/div><\/div><\/div><\/div>\n<div class=\"col-md-12 col-sm-12 col-xs-12 pt-cv-content-item pt-cv-1-col\" ><div class='pt-cv-ifield'><a href=\"https:\/\/www.dmsjuridica.com\/buscador_20179478954\/corteconstitucionalcronologico202454587\/t-330-05\/\" class=\"_self pt-cv-href-thumbnail pt-cv-thumb-default\" target=\"_self\" ><\/a>\n<div class=\"pt-cv-taxoterm above_title\"><a href='https:\/\/www.dmsjuridica.com\/buscador_20179478954\/corteconstitucionalcronologico202454587\/category\/buscar-en-toda-la-corte\/2005\/tutelas-2005\/' title='Tutelas 2005' class='pt-cv-tax-tutelas-2005'>Tutelas 2005<\/a><\/div>\n<h4 class=\"pt-cv-title\"><a href=\"https:\/\/www.dmsjuridica.com\/buscador_20179478954\/corteconstitucionalcronologico202454587\/t-330-05\/\" class=\"_self\" target=\"_self\" >T-330-05<\/a><\/h4>\n<div class=\"pt-cv-content\">\u00a0 \u00a0 Sentencia T-330\/05 \u00a0 ACCION DE TUTELA CONTRA PROVIDENCIAS JUDICIALES-Procedencia excepcional por v\u00eda de hecho\/ACCION DE TUTELA CONTRA PROVIDENCIAS JUDICIALES-Situaciones de procedencia \u00a0 INDEPENDENCIA INTERPRETATIVA-Principio judicial\/AUTONOMIA INTERPRETATIVA DEL JUEZ-Vinculaci\u00f3n de interpretaci\u00f3n del \u00f3rgano m\u00e1ximo de la jurisdicci\u00f3n\/PRINCIPIO DE AUTONOMIA FUNCIONAL DEL JUEZ-Importancia de la aplicaci\u00f3n del precedente para definir una situaci\u00f3n jur\u00eddica \u00a0 La actividad judicial supone la interpretaci\u00f3n permanente de, entre otras cosas, disposiciones jur\u00eddicas. Ello implica que al funcionario corresponde determinar en cada proceso la norma que se aplicar\u00e1 al caso concreto. En ese sentido los diversos jueces pueden tener y tienen comprensiones diferentes del contenido de ...<br \/><div class=\"pt-cv-rmwrap\"><a href=\"https:\/\/www.dmsjuridica.com\/buscador_20179478954\/corteconstitucionalcronologico202454587\/t-330-05\/\" class=\"_self pt-cv-readmore btn btn-success\" target=\"_self\">Ver Sentencia Completa...<\/a><\/div><\/div><\/div><\/div>\n<div class=\"col-md-12 col-sm-12 col-xs-12 pt-cv-content-item pt-cv-1-col\" ><div class='pt-cv-ifield'><a href=\"https:\/\/www.dmsjuridica.com\/buscador_20179478954\/corteconstitucionalcronologico202454587\/t-329-05\/\" class=\"_self pt-cv-href-thumbnail pt-cv-thumb-default\" target=\"_self\" ><\/a>\n<div class=\"pt-cv-taxoterm above_title\"><a href='https:\/\/www.dmsjuridica.com\/buscador_20179478954\/corteconstitucionalcronologico202454587\/category\/buscar-en-toda-la-corte\/2005\/tutelas-2005\/' title='Tutelas 2005' class='pt-cv-tax-tutelas-2005'>Tutelas 2005<\/a><\/div>\n<h4 class=\"pt-cv-title\"><a href=\"https:\/\/www.dmsjuridica.com\/buscador_20179478954\/corteconstitucionalcronologico202454587\/t-329-05\/\" class=\"_self\" target=\"_self\" >T-329-05<\/a><\/h4>\n<div class=\"pt-cv-content\">\u00a0 \u00a0 Sentencia T-329\/05 \u00a0 ACCION DE TUTELA CONTRA DECISION DE SINDICATO-Procedencia para dirimir conflictos que afecten derechos fundamentales\/MEDIO DE DEFENSA-Expulsi\u00f3n asociado de sindicato\u00a0 \u00a0 ACCION DE TUTELACONTRA PARTICULARES-Eventos en los que procede \u00a0 DERECHO DE ASOCIACION SINDICAL-Protecci\u00f3n id\u00f3nea y eficaz por tutela \u00a0 DERECHO DE ASOCIACION SINDICAL-Limitaciones a los poderes p\u00fablicos y privados, patronos y organizaciones sindicales\u00a0 \u00a0 El derecho en cuesti\u00f3n no s\u00f3lo vincula al poder p\u00fablico, sino tambi\u00e9n a los poderes privados, entre los que se cuentan no s\u00f3lo los patronos sino tambi\u00e9n las mismas organizaciones sindicales. Tal vinculaci\u00f3n se manifiesta en nuestro ordenamiento en distintas disposiciones ...<br \/><div class=\"pt-cv-rmwrap\"><a href=\"https:\/\/www.dmsjuridica.com\/buscador_20179478954\/corteconstitucionalcronologico202454587\/t-329-05\/\" class=\"_self pt-cv-readmore btn btn-success\" target=\"_self\">Ver Sentencia Completa...<\/a><\/div><\/div><\/div><\/div>\n<div class=\"col-md-12 col-sm-12 col-xs-12 pt-cv-content-item pt-cv-1-col\" ><div class='pt-cv-ifield'><a href=\"https:\/\/www.dmsjuridica.com\/buscador_20179478954\/corteconstitucionalcronologico202454587\/t-328-05\/\" class=\"_self pt-cv-href-thumbnail pt-cv-thumb-default\" target=\"_self\" ><\/a>\n<div class=\"pt-cv-taxoterm above_title\"><a href='https:\/\/www.dmsjuridica.com\/buscador_20179478954\/corteconstitucionalcronologico202454587\/category\/buscar-en-toda-la-corte\/2005\/tutelas-2005\/' title='Tutelas 2005' class='pt-cv-tax-tutelas-2005'>Tutelas 2005<\/a><\/div>\n<h4 class=\"pt-cv-title\"><a href=\"https:\/\/www.dmsjuridica.com\/buscador_20179478954\/corteconstitucionalcronologico202454587\/t-328-05\/\" class=\"_self\" target=\"_self\" >T-328-05<\/a><\/h4>\n<div class=\"pt-cv-content\">\u00a0 \u00a0 Sentencia T-328\/05 \u00a0 ACCION DE TUTELA CONTRA PROVIDENCIAS JUDICIALES-Situaciones de procedencia \u00a0 La Sala resalta que el presupuesto b\u00e1sico para la procedencia del amparo es la vulneraci\u00f3n o la amenaza de vulneraci\u00f3n a un derecho fundamental y en ese sentido puede anotarse que las causales gen\u00e9ricas de procedibilidad de la tutela contra decisiones judiciales deben estar inescindiblemente relacionadas con la vulneraci\u00f3n de derechos fundamentales, lo que implica que para lograr el amparo constitucional, no basta acreditar la concurrencia de una de las vulneraciones gen\u00e9ricas arriba se\u00f1aladas \u2013que bien podr\u00edan ser subsanadas a trav\u00e9s de los mecanismos y recursos ...<br \/><div class=\"pt-cv-rmwrap\"><a href=\"https:\/\/www.dmsjuridica.com\/buscador_20179478954\/corteconstitucionalcronologico202454587\/t-328-05\/\" class=\"_self pt-cv-readmore btn btn-success\" target=\"_self\">Ver Sentencia Completa...<\/a><\/div><\/div><\/div><\/div>\n<div class=\"col-md-12 col-sm-12 col-xs-12 pt-cv-content-item pt-cv-1-col\" ><div class='pt-cv-ifield'><a href=\"https:\/\/www.dmsjuridica.com\/buscador_20179478954\/corteconstitucionalcronologico202454587\/t-327-05\/\" class=\"_self pt-cv-href-thumbnail pt-cv-thumb-default\" target=\"_self\" ><\/a>\n<div class=\"pt-cv-taxoterm above_title\"><a href='https:\/\/www.dmsjuridica.com\/buscador_20179478954\/corteconstitucionalcronologico202454587\/category\/buscar-en-toda-la-corte\/2005\/tutelas-2005\/' title='Tutelas 2005' class='pt-cv-tax-tutelas-2005'>Tutelas 2005<\/a><\/div>\n<h4 class=\"pt-cv-title\"><a href=\"https:\/\/www.dmsjuridica.com\/buscador_20179478954\/corteconstitucionalcronologico202454587\/t-327-05\/\" class=\"_self\" target=\"_self\" >T-327-05<\/a><\/h4>\n<div class=\"pt-cv-content\">\u00a0 \u00a0 Sentencia T-327\/05 \u00a0 DERECHO DE PETICION-Fundamental\/ DERECHO DE PETICION-Respuesta de fondo, clara y precisa \u00a0 DERECHO DE PETICION EN MATERIA PENSIONAL-T\u00e9rminos para resolver \u00a0 Reiteraci\u00f3n de Jurisprudencia \u00a0 Referencia: expediente T-1015980 \u00a0 Acci\u00f3n de tutela instaurada por Mar\u00eda Teresa Escobar Ram\u00edrez contra la E.S.E Rita Arango \u00c1lvarez del Pino. \u00a0 Magistrado Ponente: \u00a0 Dr. HUMBERTO ANTONIO SIERRA PORTO \u00a0 Bogot\u00e1, D.C., cuatro (4) de abril de dos mil cinco (2005) \u00a0 La Sala S\u00e9ptima de Revisi\u00f3n de la Corte Constitucional, en ejercicio de sus competencias constitucionales y legales, espec\u00edficamente las previstas en los art\u00edculos 86 y 241, numeral ...<br \/><div class=\"pt-cv-rmwrap\"><a href=\"https:\/\/www.dmsjuridica.com\/buscador_20179478954\/corteconstitucionalcronologico202454587\/t-327-05\/\" class=\"_self pt-cv-readmore btn btn-success\" target=\"_self\">Ver Sentencia Completa...<\/a><\/div><\/div><\/div><\/div>\n<div class=\"col-md-12 col-sm-12 col-xs-12 pt-cv-content-item pt-cv-1-col\" ><div class='pt-cv-ifield'><a href=\"https:\/\/www.dmsjuridica.com\/buscador_20179478954\/corteconstitucionalcronologico202454587\/t-326-05\/\" class=\"_self pt-cv-href-thumbnail pt-cv-thumb-default\" target=\"_self\" ><\/a>\n<div class=\"pt-cv-taxoterm above_title\"><a href='https:\/\/www.dmsjuridica.com\/buscador_20179478954\/corteconstitucionalcronologico202454587\/category\/buscar-en-toda-la-corte\/2005\/tutelas-2005\/' title='Tutelas 2005' class='pt-cv-tax-tutelas-2005'>Tutelas 2005<\/a><\/div>\n<h4 class=\"pt-cv-title\"><a href=\"https:\/\/www.dmsjuridica.com\/buscador_20179478954\/corteconstitucionalcronologico202454587\/t-326-05\/\" class=\"_self\" target=\"_self\" >T-326-05<\/a><\/h4>\n<div class=\"pt-cv-content\">\u00a0 \u00a0 Sentencia T-326\/05 \u00a0 MEDIO DE DEFENSA JUDICIAL IDONEO Y EFICAZ-Improcedencia de tutela para permitir a un tercero reclamar salario de quien se encuentre enfermo \u00a0 ACCION DE TUTELA-Improcedencia por no haberse probado vulneraci\u00f3n de derechos \u00a0 Reiteraci\u00f3n de Jurisprudencia \u00a0 Referencia: expediente T-1013297 \u00a0 Acci\u00f3n de tutela instaurada por Edna Johana Duque Torres en representaci\u00f3n de su madre Emilse Torres P\u00e1ez contra el Hospital Nelson Restrepo Mart\u00ednez de Armero- Guayabal (Tolima). \u00a0 Magistrado Ponente: \u00a0 Bogot\u00e1, D. C., cuatro (4) de abril de dos mil cinco (2005). \u00a0 La Sala S\u00e9ptima de Revisi\u00f3n de la Corte Constitucional integrada ...<br \/><div class=\"pt-cv-rmwrap\"><a href=\"https:\/\/www.dmsjuridica.com\/buscador_20179478954\/corteconstitucionalcronologico202454587\/t-326-05\/\" class=\"_self pt-cv-readmore btn btn-success\" target=\"_self\">Ver Sentencia Completa...<\/a><\/div><\/div><\/div><\/div>\n<div class=\"col-md-12 col-sm-12 col-xs-12 pt-cv-content-item pt-cv-1-col\" ><div class='pt-cv-ifield'><a href=\"https:\/\/www.dmsjuridica.com\/buscador_20179478954\/corteconstitucionalcronologico202454587\/t-325-05\/\" class=\"_self pt-cv-href-thumbnail pt-cv-thumb-default\" target=\"_self\" ><\/a>\n<div class=\"pt-cv-taxoterm above_title\"><a href='https:\/\/www.dmsjuridica.com\/buscador_20179478954\/corteconstitucionalcronologico202454587\/category\/buscar-en-toda-la-corte\/2005\/tutelas-2005\/' title='Tutelas 2005' class='pt-cv-tax-tutelas-2005'>Tutelas 2005<\/a><\/div>\n<h4 class=\"pt-cv-title\"><a href=\"https:\/\/www.dmsjuridica.com\/buscador_20179478954\/corteconstitucionalcronologico202454587\/t-325-05\/\" class=\"_self\" target=\"_self\" >T-325-05<\/a><\/h4>\n<div class=\"pt-cv-content\">\u00a0 \u00a0 Sentencia T-325\/05 \u00a0 ACCION DE TUTELA-Procedencia excepcional pago de acreencias laborales \u00a0 DERECHO AL TRABAJO EN CONDICIONES DIGNAS Y JUSTAS-Pago oportuno de salarios y prestaciones \u00a0 DERECHO A LA SUBSISTENCIA DEL TRABAJADOR-Pago oportuno de salarios \u00a0 REMUNERACION MINIMA VITAL Y MOVIL-No debe limitarse protecci\u00f3n a retribuci\u00f3n m\u00ednima del trabajo \u00a0 Reiteraci\u00f3n de jurisprudencia \u00a0 Referencia: expediente T-1022400 \u00a0 Acci\u00f3n de tutela instaurada por Paola D\u00edaz Dur\u00e1n contra el Hospital San Vicente de Pa\u00fal de Prado (Tolima). \u00a0 Magistrado Ponente: \u00a0 Dr. HUMBERTO ANTONIO SIERRA PORTO \u00a0 Bogot\u00e1, D. C., cuatro (4) de abril dos mil cinco (2005). \u00a0 ...<br \/><div class=\"pt-cv-rmwrap\"><a href=\"https:\/\/www.dmsjuridica.com\/buscador_20179478954\/corteconstitucionalcronologico202454587\/t-325-05\/\" class=\"_self pt-cv-readmore btn btn-success\" target=\"_self\">Ver Sentencia Completa...<\/a><\/div><\/div><\/div><\/div>\n<div class=\"col-md-12 col-sm-12 col-xs-12 pt-cv-content-item pt-cv-1-col\" ><div class='pt-cv-ifield'><a href=\"https:\/\/www.dmsjuridica.com\/buscador_20179478954\/corteconstitucionalcronologico202454587\/t-324-05\/\" class=\"_self pt-cv-href-thumbnail pt-cv-thumb-default\" target=\"_self\" ><\/a>\n<div class=\"pt-cv-taxoterm above_title\"><a href='https:\/\/www.dmsjuridica.com\/buscador_20179478954\/corteconstitucionalcronologico202454587\/category\/buscar-en-toda-la-corte\/2005\/tutelas-2005\/' title='Tutelas 2005' class='pt-cv-tax-tutelas-2005'>Tutelas 2005<\/a><\/div>\n<h4 class=\"pt-cv-title\"><a href=\"https:\/\/www.dmsjuridica.com\/buscador_20179478954\/corteconstitucionalcronologico202454587\/t-324-05\/\" class=\"_self\" target=\"_self\" >T-324-05<\/a><\/h4>\n<div class=\"pt-cv-content\">\u00a0 \u00a0 Sentencia T-324\/05 \u00a0 ACCION DE TUTELA PARA RELIQUIDACION DE PENSIONES-Procedencia excepcional por violaci\u00f3n del derecho a la igualdad de los funcionarios de la planta externa del Ministerio de Relaciones Exteriores \u00a0 FUNCIONARIOS EN EL EXTERIOR DE CARRERA DIPLOMATICA Y CONSULAR-Regulaci\u00f3n especial en materia pensional vulnera el derecho a la igualdad\/FUNCIONARIOS DE PLANTA EXTERNA DEL MINISTERIO DE RELACIONES EXTERIORES-Condiciones laborales especiales \u00a0 FUNCIONARIOS EN EL EXTERIOR DE CARRERA DIPLOMATICA Y CONSULAR-Inaplicaci\u00f3n del Decreto 10 de 1992 para liquidaci\u00f3n de la pensi\u00f3n seg\u00fan lo ordenado en sentencia C-173 de 2004 \u00a0 ACCION DE TUTELA-Improcedente por no cumplir con los requisitos ...<br \/><div class=\"pt-cv-rmwrap\"><a href=\"https:\/\/www.dmsjuridica.com\/buscador_20179478954\/corteconstitucionalcronologico202454587\/t-324-05\/\" class=\"_self pt-cv-readmore btn btn-success\" target=\"_self\">Ver Sentencia Completa...<\/a><\/div><\/div><\/div><\/div>\n<div class=\"col-md-12 col-sm-12 col-xs-12 pt-cv-content-item pt-cv-1-col\" ><div class='pt-cv-ifield'><a href=\"https:\/\/www.dmsjuridica.com\/buscador_20179478954\/corteconstitucionalcronologico202454587\/t-323-05\/\" class=\"_self pt-cv-href-thumbnail pt-cv-thumb-default\" target=\"_self\" ><\/a>\n<div class=\"pt-cv-taxoterm above_title\"><a href='https:\/\/www.dmsjuridica.com\/buscador_20179478954\/corteconstitucionalcronologico202454587\/category\/buscar-en-toda-la-corte\/2005\/tutelas-2005\/' title='Tutelas 2005' class='pt-cv-tax-tutelas-2005'>Tutelas 2005<\/a><\/div>\n<h4 class=\"pt-cv-title\"><a href=\"https:\/\/www.dmsjuridica.com\/buscador_20179478954\/corteconstitucionalcronologico202454587\/t-323-05\/\" class=\"_self\" target=\"_self\" >T-323-05<\/a><\/h4>\n<div class=\"pt-cv-content\">\u00a0 \u00a0 Sentencia T-323\/05 \u00a0 DERECHO AL CUMPLIMIENTO DE SENTENCIAS \u00a0 ACCION DE TUTELA PARA CUMPLIMIENTO DE SENTENCIAS-Alcance \u00a0 OBLIGACION DE HACER-Reintegro al cargo\/PROCESO EJECUTIVO-Ineficacia para reintegro al cargo \u00a0 FUERO SINDICAL-Necesidad de autorizaci\u00f3n judicial para el despido o desmejora a\u00fan cuando la empresa esta en liquidaci\u00f3n\u00a0 \u00a0 REINTEGRO AL CARGO-Orden del juez laboral\/REINTEGRO AL CARGO-Obligaci\u00f3n de reintegro aunque la empresa se encuentre en proceso de liquidaci\u00f3n\u00a0 \u00a0 Una vez proferida la orden de reintegro contra una entidad, \u00e9sta no puede, aduciendo encontrarse en proceso de liquidaci\u00f3n, sustraerse al cumplimiento de la misma mediante la simple expedici\u00f3n de un acto ...<br \/><div class=\"pt-cv-rmwrap\"><a href=\"https:\/\/www.dmsjuridica.com\/buscador_20179478954\/corteconstitucionalcronologico202454587\/t-323-05\/\" class=\"_self pt-cv-readmore btn btn-success\" target=\"_self\">Ver Sentencia Completa...<\/a><\/div><\/div><\/div><\/div>\n<div class=\"col-md-12 col-sm-12 col-xs-12 pt-cv-content-item pt-cv-1-col\" ><div class='pt-cv-ifield'><a href=\"https:\/\/www.dmsjuridica.com\/buscador_20179478954\/corteconstitucionalcronologico202454587\/t-322-05\/\" class=\"_self pt-cv-href-thumbnail pt-cv-thumb-default\" target=\"_self\" ><\/a>\n<div class=\"pt-cv-taxoterm above_title\"><a href='https:\/\/www.dmsjuridica.com\/buscador_20179478954\/corteconstitucionalcronologico202454587\/category\/buscar-en-toda-la-corte\/2005\/tutelas-2005\/' title='Tutelas 2005' class='pt-cv-tax-tutelas-2005'>Tutelas 2005<\/a><\/div>\n<h4 class=\"pt-cv-title\"><a href=\"https:\/\/www.dmsjuridica.com\/buscador_20179478954\/corteconstitucionalcronologico202454587\/t-322-05\/\" class=\"_self\" target=\"_self\" >T-322-05<\/a><\/h4>\n<div class=\"pt-cv-content\">\u00a0 \u00a0 Sentencia T-322\/05 \u00a0 ENTIDAD PROMOTORA DE SALUD-No puede arg\u00fcir dificultades administrativas para dilatar la pr\u00e1ctica de tratamientos o procedimientos m\u00e9dicos \u00a0 DERECHO A LA SALUD-Continuidad en la prestaci\u00f3n del servicio\u00a0 \u00a0 DERECHO A LA SALUD-Tr\u00e1mite administrativo que demora la prestaci\u00f3n del servicio por parte de la EPS \u00a0 ENTIDAD DEL SISTEMA GENERAL DE SEGURIDAD SOCIAL EN SALUD-Negaci\u00f3n de servicio m\u00e9dico debido a inconsistencias en informaci\u00f3n sobre aportes de cotizantes \u00a0 AGENCIA OFICIOSA EN TUTELA-Requisitos \u00a0 Reiteraci\u00f3n de Jurisprudencia \u00a0 Referencia: expediente T-1004669 \u00a0 Acci\u00f3n de tutela instaurada por Alfonso Gonz\u00e1lez Tovar contra SOLSALUD E.P.S.. \u00a0 Magistrado Ponente: \u00a0 ...<br \/><div class=\"pt-cv-rmwrap\"><a href=\"https:\/\/www.dmsjuridica.com\/buscador_20179478954\/corteconstitucionalcronologico202454587\/t-322-05\/\" class=\"_self pt-cv-readmore btn btn-success\" target=\"_self\">Ver Sentencia Completa...<\/a><\/div><\/div><\/div><\/div>\n<div class=\"col-md-12 col-sm-12 col-xs-12 pt-cv-content-item pt-cv-1-col\" ><div class='pt-cv-ifield'><a href=\"https:\/\/www.dmsjuridica.com\/buscador_20179478954\/corteconstitucionalcronologico202454587\/t-321-05\/\" class=\"_self pt-cv-href-thumbnail pt-cv-thumb-default\" target=\"_self\" ><\/a>\n<div class=\"pt-cv-taxoterm above_title\"><a href='https:\/\/www.dmsjuridica.com\/buscador_20179478954\/corteconstitucionalcronologico202454587\/category\/buscar-en-toda-la-corte\/2005\/tutelas-2005\/' title='Tutelas 2005' class='pt-cv-tax-tutelas-2005'>Tutelas 2005<\/a><\/div>\n<h4 class=\"pt-cv-title\"><a href=\"https:\/\/www.dmsjuridica.com\/buscador_20179478954\/corteconstitucionalcronologico202454587\/t-321-05\/\" class=\"_self\" target=\"_self\" >T-321-05<\/a><\/h4>\n<div class=\"pt-cv-content\">\u00a0 \u00a0 Sentencia T-321\/05 \u00a0 DERECHOS DEL EXTRANJERO-Trato igual y protecci\u00f3n a los derechos fundamentales \u00a0 DEBIDO PROCESO ADMINISTRATIVO-Permanencia de extranjero en el pa\u00eds \u00a0 DEBIDO PROCESO ADMINISTRATIVO-Ingreso irregular de extranjero al pa\u00eds\/DEBIDO PROCESO ADMINISTRATIVO-Deportaci\u00f3n\u00a0 \u00a0 DEBIDO PROCESO ADMINISTRATIVO-No vulneraci\u00f3n por parte del DAS \u00a0 ACCION DE TUTELA-Improcedencia por no afectaci\u00f3n de derechos fundamentales \u00a0 Referencia: expediente T-848847 \u00a0 Acci\u00f3n de tutela instaurada por Vladimir Pettit Ram\u00edrez contra el Departamento Administrativo de Seguridad D.A.S. \u00a0 Magistrado ponente: \u00a0 Dr. HUMBERTO ANTONIO SIERRA PORTO \u00a0 Bogot\u00e1 D.C., cuatro (4) de abril de dos mil cinco (2005). \u00a0 La Sala S\u00e9ptima de ...<br \/><div class=\"pt-cv-rmwrap\"><a href=\"https:\/\/www.dmsjuridica.com\/buscador_20179478954\/corteconstitucionalcronologico202454587\/t-321-05\/\" class=\"_self pt-cv-readmore btn btn-success\" target=\"_self\">Ver Sentencia Completa...<\/a><\/div><\/div><\/div><\/div>\n<div class=\"col-md-12 col-sm-12 col-xs-12 pt-cv-content-item pt-cv-1-col\" ><div class='pt-cv-ifield'><a href=\"https:\/\/www.dmsjuridica.com\/buscador_20179478954\/corteconstitucionalcronologico202454587\/t-320-05\/\" class=\"_self pt-cv-href-thumbnail pt-cv-thumb-default\" target=\"_self\" ><\/a>\n<div class=\"pt-cv-taxoterm above_title\"><a href='https:\/\/www.dmsjuridica.com\/buscador_20179478954\/corteconstitucionalcronologico202454587\/category\/buscar-en-toda-la-corte\/2005\/tutelas-2005\/' title='Tutelas 2005' class='pt-cv-tax-tutelas-2005'>Tutelas 2005<\/a><\/div>\n<h4 class=\"pt-cv-title\"><a href=\"https:\/\/www.dmsjuridica.com\/buscador_20179478954\/corteconstitucionalcronologico202454587\/t-320-05\/\" class=\"_self\" target=\"_self\" >T-320-05<\/a><\/h4>\n<div class=\"pt-cv-content\">\u00a0 \u00a0 Sentencia T-320\/05 \u00a0 VIA DE HECHO-Proceso laboral ordinario \u00a0 CASACION LABORAL-Improcedente por no formular cargos de indebida interpretaci\u00f3n de la demanda \u00a0 DERECHO DE PETICION EN MATERIA PENSIONAL-T\u00e9rmino de quince d\u00edas para resolver asuntos dentro del tr\u00e1mite de pensi\u00f3n \u00a0 DERECHO DE PETICION EN MATERIA PENSIONAL-T\u00e9rmino de cuatro y seis meses para resolver reconocimiento y pago de pensi\u00f3n \u00a0 DERECHOS DEL PENSIONADO A MANTENER EL PODER ADQUISITIVO DE LA MESADA-Procedencia de su reconocimiento\/INDEXACION DE LA PRIMERA MESADA PENSIONAL \u00a0 VIA DE HECHO-No vulneraci\u00f3n al debido proceso\u00a0 \u00a0 CAXDAC-Deber de responder derecho de petici\u00f3n\/ CAXDAC-Deber de reconocer pensi\u00f3n de ...<br \/><div class=\"pt-cv-rmwrap\"><a href=\"https:\/\/www.dmsjuridica.com\/buscador_20179478954\/corteconstitucionalcronologico202454587\/t-320-05\/\" class=\"_self pt-cv-readmore btn btn-success\" target=\"_self\">Ver Sentencia Completa...<\/a><\/div><\/div><\/div><\/div>\n<div class=\"col-md-12 col-sm-12 col-xs-12 pt-cv-content-item pt-cv-1-col\" ><div class='pt-cv-ifield'><a href=\"https:\/\/www.dmsjuridica.com\/buscador_20179478954\/corteconstitucionalcronologico202454587\/t-319-05\/\" class=\"_self pt-cv-href-thumbnail pt-cv-thumb-default\" target=\"_self\" ><\/a>\n<div class=\"pt-cv-taxoterm above_title\"><a href='https:\/\/www.dmsjuridica.com\/buscador_20179478954\/corteconstitucionalcronologico202454587\/category\/buscar-en-toda-la-corte\/2005\/tutelas-2005\/' title='Tutelas 2005' class='pt-cv-tax-tutelas-2005'>Tutelas 2005<\/a><\/div>\n<h4 class=\"pt-cv-title\"><a href=\"https:\/\/www.dmsjuridica.com\/buscador_20179478954\/corteconstitucionalcronologico202454587\/t-319-05\/\" class=\"_self\" target=\"_self\" >T-319-05<\/a><\/h4>\n<div class=\"pt-cv-content\">\u00a0 \u00a0 Sentencia T-319\/05 \u00a0 NOTIFICACION DEL MANDAMIENTO DE PAGO EN PROCESO EJECUTIVO HIPOTECARIO-Sujeci\u00f3n a las formalidades legales\u00a0 \u00a0 No se desprende de las normas anteriores que basta el conocimiento del demandado sobre la existencia del proceso, como tampoco que resulta suficiente cualquier menci\u00f3n del mandamiento de pago en un escrito para tener por surtida la notificaci\u00f3n personal e interrumpida la prescripci\u00f3n, porque las normas transcritas indican que las notificaciones deber\u00e1n hacerse con las formalidades previstas en el ordenamiento, que el mandamiento de pago se notifica personalmente y que esta diligencia se entender\u00e1 surtida cuando quien deb\u00eda ser enterado de ...<br \/><div class=\"pt-cv-rmwrap\"><a href=\"https:\/\/www.dmsjuridica.com\/buscador_20179478954\/corteconstitucionalcronologico202454587\/t-319-05\/\" class=\"_self pt-cv-readmore btn btn-success\" target=\"_self\">Ver Sentencia Completa...<\/a><\/div><\/div><\/div><\/div>\n<div class=\"col-md-12 col-sm-12 col-xs-12 pt-cv-content-item pt-cv-1-col\" ><div class='pt-cv-ifield'><a href=\"https:\/\/www.dmsjuridica.com\/buscador_20179478954\/corteconstitucionalcronologico202454587\/t-318-05\/\" class=\"_self pt-cv-href-thumbnail pt-cv-thumb-default\" target=\"_self\" ><\/a>\n<div class=\"pt-cv-taxoterm above_title\"><a href='https:\/\/www.dmsjuridica.com\/buscador_20179478954\/corteconstitucionalcronologico202454587\/category\/buscar-en-toda-la-corte\/2005\/tutelas-2005\/' title='Tutelas 2005' class='pt-cv-tax-tutelas-2005'>Tutelas 2005<\/a><\/div>\n<h4 class=\"pt-cv-title\"><a href=\"https:\/\/www.dmsjuridica.com\/buscador_20179478954\/corteconstitucionalcronologico202454587\/t-318-05\/\" class=\"_self\" target=\"_self\" >T-318-05<\/a><\/h4>\n<div class=\"pt-cv-content\">\u00a0 \u00a0 Sentencia T-318\/05 \u00a0 ACCION DE TUTELA-Hecho superado por entrega de ayuda econ\u00f3mica para proyecto productivo de reinsertados \u00a0 -Reiteraci\u00f3n de jurisprudencia- \u00a0 Referencia: expedientes T-848919 \u00a0 Demandante: Jos\u00e9 David Le\u00f3n Castro.\u00a0 \u00a0 Demandado: Ministerio del Interior y de Justicia \u00a0-Programa Dejaci\u00f3n de Armas, \u00c1rea de Proyectos Productivos-. \u00a0 Magistrado Ponente:\u00a0 \u00a0 Dr. RODRIGO ESCOBAR GIL \u00a0 Bogot\u00e1, D.C., cuatro (4) de abril de dos mil cinco (2005). \u00a0 La Sala Quinta de Revisi\u00f3n de la Corte Constitucional, integrada por los Magistrados Rodrigo Escobar Gil, Marco Gerardo Monroy Cabra y Humberto Antonio Sierra Porto, en ejercicio de sus competencias ...<br \/><div class=\"pt-cv-rmwrap\"><a href=\"https:\/\/www.dmsjuridica.com\/buscador_20179478954\/corteconstitucionalcronologico202454587\/t-318-05\/\" class=\"_self pt-cv-readmore btn btn-success\" target=\"_self\">Ver Sentencia Completa...<\/a><\/div><\/div><\/div><\/div>\n<div class=\"col-md-12 col-sm-12 col-xs-12 pt-cv-content-item pt-cv-1-col\" ><div class='pt-cv-ifield'><a href=\"https:\/\/www.dmsjuridica.com\/buscador_20179478954\/corteconstitucionalcronologico202454587\/t-317-05\/\" class=\"_self pt-cv-href-thumbnail pt-cv-thumb-default\" target=\"_self\" ><\/a>\n<div class=\"pt-cv-taxoterm above_title\"><a href='https:\/\/www.dmsjuridica.com\/buscador_20179478954\/corteconstitucionalcronologico202454587\/category\/buscar-en-toda-la-corte\/2005\/tutelas-2005\/' title='Tutelas 2005' class='pt-cv-tax-tutelas-2005'>Tutelas 2005<\/a><\/div>\n<h4 class=\"pt-cv-title\"><a href=\"https:\/\/www.dmsjuridica.com\/buscador_20179478954\/corteconstitucionalcronologico202454587\/t-317-05\/\" class=\"_self\" target=\"_self\" >T-317-05<\/a><\/h4>\n<div class=\"pt-cv-content\">\u00a0 \u00a0 Sentencia T-317\/05 \u00a0 ACCION DE TUTELA-Hecho superado por realizaci\u00f3n encuesta del Sisb\u00e9n \u00a0 -Reiteraci\u00f3n de jurisprudencia- \u00a0 Referencia: expedientes T-1005414 \u00a0 Demandante: Yader Eduardo Barliza Narv\u00e1ez.\u00a0 \u00a0 Demandados: Departamento Administrativo de Planeaci\u00f3n y la Secretar\u00eda de Salud Distrital de Bogot\u00e1. \u00a0 Magistrado Ponente:\u00a0 \u00a0 Bogot\u00e1, D.C., cuatro (4) de abril de dos mil cinco (2005). \u00a0 La Sala Quinta de Revisi\u00f3n de la Corte Constitucional, integrada por los Magistrados Rodrigo Escobar Gil, Marco Gerardo Monroy Cabra y Humberto Antonio Sierra Porto, en ejercicio de sus competencias constitucionales y legales, ha pronunciado la siguiente, \u00a0 SENTENCIA \u00a0 En el ...<br \/><div class=\"pt-cv-rmwrap\"><a href=\"https:\/\/www.dmsjuridica.com\/buscador_20179478954\/corteconstitucionalcronologico202454587\/t-317-05\/\" class=\"_self pt-cv-readmore btn btn-success\" target=\"_self\">Ver Sentencia Completa...<\/a><\/div><\/div><\/div><\/div>\n<div class=\"col-md-12 col-sm-12 col-xs-12 pt-cv-content-item pt-cv-1-col\" ><div class='pt-cv-ifield'><a href=\"https:\/\/www.dmsjuridica.com\/buscador_20179478954\/corteconstitucionalcronologico202454587\/t-316-05\/\" class=\"_self pt-cv-href-thumbnail pt-cv-thumb-default\" target=\"_self\" ><\/a>\n<div class=\"pt-cv-taxoterm above_title\"><a href='https:\/\/www.dmsjuridica.com\/buscador_20179478954\/corteconstitucionalcronologico202454587\/category\/buscar-en-toda-la-corte\/2005\/tutelas-2005\/' title='Tutelas 2005' class='pt-cv-tax-tutelas-2005'>Tutelas 2005<\/a><\/div>\n<h4 class=\"pt-cv-title\"><a href=\"https:\/\/www.dmsjuridica.com\/buscador_20179478954\/corteconstitucionalcronologico202454587\/t-316-05\/\" class=\"_self\" target=\"_self\" >T-316-05<\/a><\/h4>\n<div class=\"pt-cv-content\">\u00a0 \u00a0 Sentencia T-316\/05 \u00a0 ACCION DE TUTELA-Inexistencia de conducta que vulnere derecho fundamental \u00a0 ACCION DE TUTELA CONTRA PROVIDENCIAS JUDICIALES-Agotamiento previo de recursos ordinarios \u00a0 Demandante: Judith Miranda Corrales. \u00a0 Demandado: Alcald\u00eda Municipal de Ibagu\u00e9, Secretaria de Educaci\u00f3n Municipal -Fondo de Prestaciones Sociales del Magisterio, Regional Tolima-.\u00a0 \u00a0 Magistrado Ponente: \u00a0 Dr. RODRIGO ESCOBAR GIL \u00a0 Bogot\u00e1, D.C., cuatro (4) de abril de dos mil cinco (2005). \u00a0 La Sala Quinta de Revisi\u00f3n de la Corte Constitucional, integrada por los Magistrados Rodrigo Escobar Gil, Marco Gerardo Monroy Cabra y Humberto Sierra Porto, en ejercicio de sus competencias constitucionales y ...<br \/><div class=\"pt-cv-rmwrap\"><a href=\"https:\/\/www.dmsjuridica.com\/buscador_20179478954\/corteconstitucionalcronologico202454587\/t-316-05\/\" class=\"_self pt-cv-readmore btn btn-success\" target=\"_self\">Ver Sentencia Completa...<\/a><\/div><\/div><\/div><\/div>\n<div class=\"col-md-12 col-sm-12 col-xs-12 pt-cv-content-item pt-cv-1-col\" ><div class='pt-cv-ifield'><a href=\"https:\/\/www.dmsjuridica.com\/buscador_20179478954\/corteconstitucionalcronologico202454587\/t-315-05\/\" class=\"_self pt-cv-href-thumbnail pt-cv-thumb-default\" target=\"_self\" ><\/a>\n<div class=\"pt-cv-taxoterm above_title\"><a href='https:\/\/www.dmsjuridica.com\/buscador_20179478954\/corteconstitucionalcronologico202454587\/category\/buscar-en-toda-la-corte\/2005\/tutelas-2005\/' title='Tutelas 2005' class='pt-cv-tax-tutelas-2005'>Tutelas 2005<\/a><\/div>\n<h4 class=\"pt-cv-title\"><a href=\"https:\/\/www.dmsjuridica.com\/buscador_20179478954\/corteconstitucionalcronologico202454587\/t-315-05\/\" class=\"_self\" target=\"_self\" >T-315-05<\/a><\/h4>\n<div class=\"pt-cv-content\">\u00a0 \u00a0 Sentencia T-315\/05 \u00a0 ACCION DE TUTELA CONTRA PROVIDENCIAS JUDICIALES-Procedencia excepcional por v\u00eda de hecho\u00a0 \u00a0 PRINCIPIO NO REFORMATIO IN PEJUS-Vulneraci\u00f3n \u00a0 ACCION DE TUTELA-Improcedencia por existir medio de defensa judicial para impugnar la sentencia laboral de segunda instancia \u00a0 PRINCIPIO NO REFORMATIO IN PEJUS-Agotamiento de recursos ordinarios y subsidiariedad de la tutela\/MEDIO DE DEFENSA JUDICIAL-Recurso de casaci\u00f3n \u00a0 ACCION DE TUTELA-Improcedencia por no darse el presupuesto de inmediatez \u00a0 Referencia: expediente T-989589 \u00a0 Magistrado Ponente: \u00a0 Dr. JAIME C\u00d3RDOBA TRIVI\u00d1O \u00a0 Bogot\u00e1, D.C., \u00a0primero (1\u00b0) de abril de dos mil cinco (2005). \u00a0 La Sala Cuarta de Revisi\u00f3n ...<br \/><div class=\"pt-cv-rmwrap\"><a href=\"https:\/\/www.dmsjuridica.com\/buscador_20179478954\/corteconstitucionalcronologico202454587\/t-315-05\/\" class=\"_self pt-cv-readmore btn btn-success\" target=\"_self\">Ver Sentencia Completa...<\/a><\/div><\/div><\/div><\/div>\n<div class=\"col-md-12 col-sm-12 col-xs-12 pt-cv-content-item pt-cv-1-col\" ><div class='pt-cv-ifield'><a href=\"https:\/\/www.dmsjuridica.com\/buscador_20179478954\/corteconstitucionalcronologico202454587\/t-314-05\/\" class=\"_self pt-cv-href-thumbnail pt-cv-thumb-default\" target=\"_self\" ><\/a>\n<div class=\"pt-cv-taxoterm above_title\"><a href='https:\/\/www.dmsjuridica.com\/buscador_20179478954\/corteconstitucionalcronologico202454587\/category\/buscar-en-toda-la-corte\/2005\/tutelas-2005\/' title='Tutelas 2005' class='pt-cv-tax-tutelas-2005'>Tutelas 2005<\/a><\/div>\n<h4 class=\"pt-cv-title\"><a href=\"https:\/\/www.dmsjuridica.com\/buscador_20179478954\/corteconstitucionalcronologico202454587\/t-314-05\/\" class=\"_self\" target=\"_self\" >T-314-05<\/a><\/h4>\n<div class=\"pt-cv-content\">\u00a0 \u00a0 Sentencia T-314\/05 \u00a0 DERECHO A LA SALUD-Fundamental aut\u00f3nomo \u00a0 INAPLICACION DE NORMAS DEL PLAN OBLIGATORIO DE SALUD-Casos en que procede por exclusi\u00f3n de tratamientos y medicamentos de alto costo \u00a0 DISCAPACITADO-Trato especial\/DISCAPACITADO-Diferenciaci\u00f3n positiva \u00a0 DERECHO A LA VIDA DIGNA-Entrega de pr\u00f3tesis de extremidades superiores \u00a0 DERECHO A LA SALUD-Suministro de pr\u00f3tesis \u00a0 DERECHO A LA SALUD-Presunci\u00f3n de incapacidad de pago de la poblaci\u00f3n beneficiaria del SISBEN\u00a0 \u00a0 Referencia: expediente T-1013839 \u00a0 Acci\u00f3n de tutela interpuesta por Mar\u00eda Bel\u00e9n Moreno Moreno contra la A.R.S. Entidad Cooperativa Solidaria de Salud, ECOOPSOS \u00a0 Magistrado Ponente: \u00a0 Dr. JAIME C\u00d3RDOBA TRIVI\u00d1O \u00a0 ...<br \/><div class=\"pt-cv-rmwrap\"><a href=\"https:\/\/www.dmsjuridica.com\/buscador_20179478954\/corteconstitucionalcronologico202454587\/t-314-05\/\" class=\"_self pt-cv-readmore btn btn-success\" target=\"_self\">Ver Sentencia Completa...<\/a><\/div><\/div><\/div><\/div>\n<div class=\"col-md-12 col-sm-12 col-xs-12 pt-cv-content-item pt-cv-1-col\" ><div class='pt-cv-ifield'><a href=\"https:\/\/www.dmsjuridica.com\/buscador_20179478954\/corteconstitucionalcronologico202454587\/t-313-05\/\" class=\"_self pt-cv-href-thumbnail pt-cv-thumb-default\" target=\"_self\" ><\/a>\n<div class=\"pt-cv-taxoterm above_title\"><a href='https:\/\/www.dmsjuridica.com\/buscador_20179478954\/corteconstitucionalcronologico202454587\/category\/buscar-en-toda-la-corte\/2005\/tutelas-2005\/' title='Tutelas 2005' class='pt-cv-tax-tutelas-2005'>Tutelas 2005<\/a><\/div>\n<h4 class=\"pt-cv-title\"><a href=\"https:\/\/www.dmsjuridica.com\/buscador_20179478954\/corteconstitucionalcronologico202454587\/t-313-05\/\" class=\"_self\" target=\"_self\" >T-313-05<\/a><\/h4>\n<div class=\"pt-cv-content\">\u00a0 \u00a0 Sentencia T-313\/05 \u00a0 ACCION DE TUTELA-Caracter\u00edsticas de subsidiariedad e inmediatez \u00a0 ACCION DE TUTELA-T\u00e9rmino de presentaci\u00f3n\/ACCION DE TUTELA-Razonabilidad en presentaci\u00f3n y derechos fundamentales de terceros afectados \u00a0 ACCION DE TUTELA-No existe el elemento de la subsidiariedad al no haber identificaci\u00f3n de la inminencia del perjuicio\u00a0 \u00a0 DERECHO AL DEBIDO PROCESO-Reliquidaci\u00f3n y redenominaci\u00f3n de cr\u00e9ditos en moneda legal a UVR\/DERECHO AL DEBIDO PROCESO-Modificaci\u00f3n unilateral a pr\u00e9stamos de vivienda de inter\u00e9s social \u00a0 DERECHO A LA INFORMACION-Vulneraci\u00f3n del derecho al debido proceso por cuanto demandante no recibi\u00f3 informaci\u00f3n sobre reliquidaci\u00f3n y redenominaci\u00f3n de cr\u00e9dito en moneda legal a uvr \u00a0 ...<br \/><div class=\"pt-cv-rmwrap\"><a href=\"https:\/\/www.dmsjuridica.com\/buscador_20179478954\/corteconstitucionalcronologico202454587\/t-313-05\/\" class=\"_self pt-cv-readmore btn btn-success\" target=\"_self\">Ver Sentencia Completa...<\/a><\/div><\/div><\/div><\/div>\n<div class=\"col-md-12 col-sm-12 col-xs-12 pt-cv-content-item pt-cv-1-col\" ><div class='pt-cv-ifield'><a href=\"https:\/\/www.dmsjuridica.com\/buscador_20179478954\/corteconstitucionalcronologico202454587\/t-312-05\/\" class=\"_self pt-cv-href-thumbnail pt-cv-thumb-default\" target=\"_self\" ><\/a>\n<div class=\"pt-cv-taxoterm above_title\"><a href='https:\/\/www.dmsjuridica.com\/buscador_20179478954\/corteconstitucionalcronologico202454587\/category\/buscar-en-toda-la-corte\/2005\/tutelas-2005\/' title='Tutelas 2005' class='pt-cv-tax-tutelas-2005'>Tutelas 2005<\/a><\/div>\n<h4 class=\"pt-cv-title\"><a href=\"https:\/\/www.dmsjuridica.com\/buscador_20179478954\/corteconstitucionalcronologico202454587\/t-312-05\/\" class=\"_self\" target=\"_self\" >T-312-05<\/a><\/h4>\n<div class=\"pt-cv-content\">\u00a0 \u00a0 Sentencia T-312\/05 \u00a0 ESTADO DE COSAS INCONSTITUCIONAL EN LA POBLACION DESPLAZADA-Declaraci\u00f3n formal \u00a0 DESPLAZAMIENTO FORZADO-Vulneraci\u00f3n m\u00faltiple, masiva y continua de derechos fundamentales \u00a0 ESTADO-Obligaci\u00f3n de brindar ayuda humanitaria de emergencia a los desplazados por termino de tres meses prorrogables\/POBLACION DESPLAZADA ESPECIAL-Derecho a recibir ayuda humanitaria de emergencia por parte del Estado por un termino mayor \u00a0 Respecto a la ayuda humanitaria de emergencia, la Corte precis\u00f3 en la misma Sentencia que la duraci\u00f3n de la obligaci\u00f3n estatal m\u00ednima de brindarla es en principio la que determine la ley, es decir, tres meses, prorrogables por tres m\u00e1s para ciertos ...<br \/><div class=\"pt-cv-rmwrap\"><a href=\"https:\/\/www.dmsjuridica.com\/buscador_20179478954\/corteconstitucionalcronologico202454587\/t-312-05\/\" class=\"_self pt-cv-readmore btn btn-success\" target=\"_self\">Ver Sentencia Completa...<\/a><\/div><\/div><\/div><\/div>\n<div class=\"col-md-12 col-sm-12 col-xs-12 pt-cv-content-item pt-cv-1-col\" ><div class='pt-cv-ifield'><a href=\"https:\/\/www.dmsjuridica.com\/buscador_20179478954\/corteconstitucionalcronologico202454587\/t-311-05\/\" class=\"_self pt-cv-href-thumbnail pt-cv-thumb-default\" target=\"_self\" ><\/a>\n<div class=\"pt-cv-taxoterm above_title\"><a href='https:\/\/www.dmsjuridica.com\/buscador_20179478954\/corteconstitucionalcronologico202454587\/category\/buscar-en-toda-la-corte\/2005\/tutelas-2005\/' title='Tutelas 2005' class='pt-cv-tax-tutelas-2005'>Tutelas 2005<\/a><\/div>\n<h4 class=\"pt-cv-title\"><a href=\"https:\/\/www.dmsjuridica.com\/buscador_20179478954\/corteconstitucionalcronologico202454587\/t-311-05\/\" class=\"_self\" target=\"_self\" >T-311-05<\/a><\/h4>\n<div class=\"pt-cv-content\">\u00a0 \u00a0 Sentencia T-311\/05 \u00a0 DERECHO A LA SALUD-Fundamental por conexidad con la vida digna \u00a0 SISTEMA DE SEGURIDAD SOCIAL EN SALUD-R\u00e9gimen contributivo y subsidiado \u00a0 SISTEMA DE SEGURIDAD SOCIAL EN SALUD-Prohibici\u00f3n de afiliaci\u00f3n simultanea al r\u00e9gimen subsidiado y contributivo\/SISTEMA DE SEGURIDAD SOCIAL EN SALUD-Desviaci\u00f3n de recursos por doble afiliaci\u00f3n \u00a0 ACCION DE TUTELA-No se prob\u00f3 amenaza ni vulneraci\u00f3n \u00a0 Reiteraci\u00f3n de Jurisprudencia \u00a0 Referencia: expediente T-936796 \u00a0 Acci\u00f3n de tutela instaurada por Francisco Javier S\u00e1nchez G\u00f3mez contra la Secretar\u00eda de Salud del Departamento Archipi\u00e9lago de San Andr\u00e9s Providencia y Santa Catalina.\u00a0 \u00a0 Dr. JAIME C\u00d3RDOBA TRIVI\u00d1O \u00a0 Bogot\u00e1 D.C., ...<br \/><div class=\"pt-cv-rmwrap\"><a href=\"https:\/\/www.dmsjuridica.com\/buscador_20179478954\/corteconstitucionalcronologico202454587\/t-311-05\/\" class=\"_self pt-cv-readmore btn btn-success\" target=\"_self\">Ver Sentencia Completa...<\/a><\/div><\/div><\/div><\/div>\n<div class=\"col-md-12 col-sm-12 col-xs-12 pt-cv-content-item pt-cv-1-col\" ><div class='pt-cv-ifield'><a href=\"https:\/\/www.dmsjuridica.com\/buscador_20179478954\/corteconstitucionalcronologico202454587\/t-310-05\/\" class=\"_self pt-cv-href-thumbnail pt-cv-thumb-default\" target=\"_self\" ><\/a>\n<div class=\"pt-cv-taxoterm above_title\"><a href='https:\/\/www.dmsjuridica.com\/buscador_20179478954\/corteconstitucionalcronologico202454587\/category\/buscar-en-toda-la-corte\/2005\/tutelas-2005\/' title='Tutelas 2005' class='pt-cv-tax-tutelas-2005'>Tutelas 2005<\/a><\/div>\n<h4 class=\"pt-cv-title\"><a href=\"https:\/\/www.dmsjuridica.com\/buscador_20179478954\/corteconstitucionalcronologico202454587\/t-310-05\/\" class=\"_self\" target=\"_self\" >T-310-05<\/a><\/h4>\n<div class=\"pt-cv-content\">\u00a0 \u00a0 Sentencia T-310\/05 \u00a0 ACCION DE TUTELA TRANSITORIA POR VIA DE HECHO-Inexistencia\u00a0 \u00a0 DERECHO AL DEBIDO PROCESO-No existi\u00f3 vulneraci\u00f3n \u00a0 Referencia: expediente T-1013437 \u00a0 Acci\u00f3n de tutela de Luz Marina Hache Contreras contra la Fiscal\u00eda General de la Naci\u00f3n \u00a0 Magistrado Ponente:\u00a0 \u00a0 Dr. JAIME C\u00d3RDOBA TRIVI\u00d1O \u00a0 Bogot\u00e1, D. C., primero \u00a0(1\u00ba) \u00a0de abril de dos mil cinco \u00a0(2005).\u00a0 \u00a0 La Sala Cuarta de Revisi\u00f3n de la Corte Constitucional, en ejercicio de sus competencias constitucionales y legales, ha proferido la siguiente \u00a0 SENTENCIA \u00a0 dentro del tr\u00e1mite de revisi\u00f3n de la tutela instaurada por Luz Marina Hache Contreras ...<br \/><div class=\"pt-cv-rmwrap\"><a href=\"https:\/\/www.dmsjuridica.com\/buscador_20179478954\/corteconstitucionalcronologico202454587\/t-310-05\/\" class=\"_self pt-cv-readmore btn btn-success\" target=\"_self\">Ver Sentencia Completa...<\/a><\/div><\/div><\/div><\/div>\n<div class=\"col-md-12 col-sm-12 col-xs-12 pt-cv-content-item pt-cv-1-col\" ><div class='pt-cv-ifield'><a href=\"https:\/\/www.dmsjuridica.com\/buscador_20179478954\/corteconstitucionalcronologico202454587\/t-309-05\/\" class=\"_self pt-cv-href-thumbnail pt-cv-thumb-default\" target=\"_self\" ><\/a>\n<div class=\"pt-cv-taxoterm above_title\"><a href='https:\/\/www.dmsjuridica.com\/buscador_20179478954\/corteconstitucionalcronologico202454587\/category\/buscar-en-toda-la-corte\/2005\/tutelas-2005\/' title='Tutelas 2005' class='pt-cv-tax-tutelas-2005'>Tutelas 2005<\/a><\/div>\n<h4 class=\"pt-cv-title\"><a href=\"https:\/\/www.dmsjuridica.com\/buscador_20179478954\/corteconstitucionalcronologico202454587\/t-309-05\/\" class=\"_self\" target=\"_self\" >T-309-05<\/a><\/h4>\n<div class=\"pt-cv-content\">\u00a0 \u00a0 Sentencia T-309\/05 \u00a0 REINTEGRO AL CARGO-Improcedencia general de tutela \u00a0 DERECHO A LA ESTABILIDAD LABORAL REFORZADA DEL DISCAPACITADO-Protecci\u00f3n \u00a0 DESPIDO DE DISCAPACITADO-Discriminaci\u00f3n\/ACCION DE TUTELA-Prueba que el despido se debe a la discapacidad \u00a0 PRINCIPIO DE ESTABILIDAD EN EL EMPLEO-Renovaci\u00f3n sucesiva del contrato\u00a0 \u00a0 ESTABILIDAD LABORAL REFORZADA EN EL CONTRATO DE TRABAJO A TERMINO FIJO-Requisitos\u00a0 \u00a0 El cargo por presunta vulneraci\u00f3n del derecho fundamental a la estabilidad laboral reforzada de una persona que se encontraba vinculada a trav\u00e9s de un contrato a t\u00e9rmino fijo sucesivamente renovado resulta procedente siempre que se demuestre (1) que subsiste la necesidad del servicio ...<br \/><div class=\"pt-cv-rmwrap\"><a href=\"https:\/\/www.dmsjuridica.com\/buscador_20179478954\/corteconstitucionalcronologico202454587\/t-309-05\/\" class=\"_self pt-cv-readmore btn btn-success\" target=\"_self\">Ver Sentencia Completa...<\/a><\/div><\/div><\/div><\/div>\n<div class=\"col-md-12 col-sm-12 col-xs-12 pt-cv-content-item pt-cv-1-col\" ><div class='pt-cv-ifield'><a href=\"https:\/\/www.dmsjuridica.com\/buscador_20179478954\/corteconstitucionalcronologico202454587\/t-308-05\/\" class=\"_self pt-cv-href-thumbnail pt-cv-thumb-default\" target=\"_self\" ><\/a>\n<div class=\"pt-cv-taxoterm above_title\"><a href='https:\/\/www.dmsjuridica.com\/buscador_20179478954\/corteconstitucionalcronologico202454587\/category\/buscar-en-toda-la-corte\/2005\/tutelas-2005\/' title='Tutelas 2005' class='pt-cv-tax-tutelas-2005'>Tutelas 2005<\/a><\/div>\n<h4 class=\"pt-cv-title\"><a href=\"https:\/\/www.dmsjuridica.com\/buscador_20179478954\/corteconstitucionalcronologico202454587\/t-308-05\/\" class=\"_self\" target=\"_self\" >T-308-05<\/a><\/h4>\n<div class=\"pt-cv-content\">\u00a0 \u00a0 Sentencia T-308\/05 \u00a0 DERECHO A LA SALUD-Fundamental por conexidad \u00a0 PRINCIPIO DE CONTINUIDAD EN EL SERVICIO DE SALUD-Culminaci\u00f3n de tratamientos aunque se hubiere extinguido vinculaci\u00f3n con EPS \u00a0 Referencia: expediente T-1009275 \u00a0 Acci\u00f3n de tutela interpuesta por Olga Cecilia Londo\u00f1o Mart\u00ednez, en nombre de Carmen Emilia Mart\u00ednez, contra el Instituto de los Seguros Sociales, seccional Pereira \u00a0 Magistrado Ponente: \u00a0 Dr. JAIME C\u00d3RDOBA TRIVI\u00d1O \u00a0 Bogot\u00e1, D.C., primero (1\u00b0) de abril de dos mil cinco (2005). \u00a0 La Sala Cuarta de Revisi\u00f3n de la Corte Constitucional, en ejercicio de sus competencias constitucionales y legales, espec\u00edficamente las previstas en ...<br \/><div class=\"pt-cv-rmwrap\"><a href=\"https:\/\/www.dmsjuridica.com\/buscador_20179478954\/corteconstitucionalcronologico202454587\/t-308-05\/\" class=\"_self pt-cv-readmore btn btn-success\" target=\"_self\">Ver Sentencia Completa...<\/a><\/div><\/div><\/div><\/div>\n<div class=\"col-md-12 col-sm-12 col-xs-12 pt-cv-content-item pt-cv-1-col\" ><div class='pt-cv-ifield'><a href=\"https:\/\/www.dmsjuridica.com\/buscador_20179478954\/corteconstitucionalcronologico202454587\/t-307-05\/\" class=\"_self pt-cv-href-thumbnail pt-cv-thumb-default\" target=\"_self\" ><\/a>\n<div class=\"pt-cv-taxoterm above_title\"><a href='https:\/\/www.dmsjuridica.com\/buscador_20179478954\/corteconstitucionalcronologico202454587\/category\/buscar-en-toda-la-corte\/2005\/tutelas-2005\/' title='Tutelas 2005' class='pt-cv-tax-tutelas-2005'>Tutelas 2005<\/a><\/div>\n<h4 class=\"pt-cv-title\"><a href=\"https:\/\/www.dmsjuridica.com\/buscador_20179478954\/corteconstitucionalcronologico202454587\/t-307-05\/\" class=\"_self\" target=\"_self\" >T-307-05<\/a><\/h4>\n<div class=\"pt-cv-content\">\u00a0 \u00a0 Sentencia T-307\/05 \u00a0 ACCION DE TUTELA-Hecho superado por cambio de horario en la emisi\u00f3n de programa \u00a0 Referencia: expediente T-871028 \u00a0 Acci\u00f3n de tutela interpuesta por Abraham Pineda Aristiz\u00e1bal contra Audiovisuales, RCN Televisi\u00f3n y la Comisi\u00f3n Nacional de Televisi\u00f3n. \u00a0 Magistrado Ponente: \u00a0 Dr. JAIME C\u00d3RDOBA TRIVI\u00d1O \u00a0 Bogot\u00e1, D.C., primero (1\u00ba) de abril de dos mil cinco (2005). \u00a0 La Sala Cuarta de Revisi\u00f3n de la Corte Constitucional, en ejercicio de sus competencias constitucionales y legales, espec\u00edficamente las previstas en los art\u00edculos 86 y 241 numeral 9 de la Constituci\u00f3n Pol\u00edtica y en el Decreto Ley 2591 ...<br \/><div class=\"pt-cv-rmwrap\"><a href=\"https:\/\/www.dmsjuridica.com\/buscador_20179478954\/corteconstitucionalcronologico202454587\/t-307-05\/\" class=\"_self pt-cv-readmore btn btn-success\" target=\"_self\">Ver Sentencia Completa...<\/a><\/div><\/div><\/div><\/div>\n<div class=\"col-md-12 col-sm-12 col-xs-12 pt-cv-content-item pt-cv-1-col\" ><div class='pt-cv-ifield'><a href=\"https:\/\/www.dmsjuridica.com\/buscador_20179478954\/corteconstitucionalcronologico202454587\/t-306-05\/\" class=\"_self pt-cv-href-thumbnail pt-cv-thumb-default\" target=\"_self\" ><\/a>\n<div class=\"pt-cv-taxoterm above_title\"><a href='https:\/\/www.dmsjuridica.com\/buscador_20179478954\/corteconstitucionalcronologico202454587\/category\/buscar-en-toda-la-corte\/2005\/tutelas-2005\/' title='Tutelas 2005' class='pt-cv-tax-tutelas-2005'>Tutelas 2005<\/a><\/div>\n<h4 class=\"pt-cv-title\"><a href=\"https:\/\/www.dmsjuridica.com\/buscador_20179478954\/corteconstitucionalcronologico202454587\/t-306-05\/\" class=\"_self\" target=\"_self\" >T-306-05<\/a><\/h4>\n<div class=\"pt-cv-content\">\u00a0 \u00a0 Sentencia T-306\/05 \u00a0 DERECHO A LA SALUD-Fundamental por conexidad con la vida \u00a0 INAPLICACION DE NORMAS DEL PLAN OBLIGATORIO DE SALUD-Casos en que procede por exclusi\u00f3n de tratamientos y medicamentos de alto costo \u00a0 DERECHO A LA SALUD-Medicamento ordenado por m\u00e9dico tratante \u00a0 CAPACIDAD ECONOMICA DE PERSONA QUE REQUIERE MEDICAMENTO \u00a0 CAPACIDAD ECONOMICA DE PERSONA ENFERMA-Reglas probatorias empleadas por la Corte Constitucional\/DERECHO A LA SALUD-Prueba de la incapacidad econ\u00f3mica para asumir costo del medicamento \u00a0 CAPACIDAD ECONOMICA EN CASOS DE SALUD Y JUEZ DE TUTELA-Debe probarse la incapacidad de pago \u00a0 El juez de tutela est\u00e1 en la ...<br \/><div class=\"pt-cv-rmwrap\"><a href=\"https:\/\/www.dmsjuridica.com\/buscador_20179478954\/corteconstitucionalcronologico202454587\/t-306-05\/\" class=\"_self pt-cv-readmore btn btn-success\" target=\"_self\">Ver Sentencia Completa...<\/a><\/div><\/div><\/div><\/div>\n<div class=\"col-md-12 col-sm-12 col-xs-12 pt-cv-content-item pt-cv-1-col\" ><div class='pt-cv-ifield'><a href=\"https:\/\/www.dmsjuridica.com\/buscador_20179478954\/corteconstitucionalcronologico202454587\/t-305-05\/\" class=\"_self pt-cv-href-thumbnail pt-cv-thumb-default\" target=\"_self\" ><\/a>\n<div class=\"pt-cv-taxoterm above_title\"><a href='https:\/\/www.dmsjuridica.com\/buscador_20179478954\/corteconstitucionalcronologico202454587\/category\/buscar-en-toda-la-corte\/2005\/tutelas-2005\/' title='Tutelas 2005' class='pt-cv-tax-tutelas-2005'>Tutelas 2005<\/a><\/div>\n<h4 class=\"pt-cv-title\"><a href=\"https:\/\/www.dmsjuridica.com\/buscador_20179478954\/corteconstitucionalcronologico202454587\/t-305-05\/\" class=\"_self\" target=\"_self\" >T-305-05<\/a><\/h4>\n<div class=\"pt-cv-content\">\u00a0 \u00a0 Sentencia T-305\/05 \u00a0 SISTEMA GENERAL DE RIESGOS PROFESIONALES-Inconstitucionalidad de desafiliaci\u00f3n autom\u00e1tica por incumplimiento del empleador en pago de cotizaciones \u00a0 El incumplimiento en el pago de los aportes por parte de los empleadores no autoriza a las ARP a desafiliar a los trabajadores de manera unilateral, ya que por ser encargadas de prestar el servicio de salud en materia de riesgos profesionales sus actuaciones deben estar inspiradas en los postulados constitucionales. Esta Corporaci\u00f3n consider\u00f3 que la desafiliaci\u00f3n autom\u00e1tica como consecuencia del incumplimiento del empleador pod\u00eda desconocer los derechos del trabajador. \u00a0no es justo que el trabajador, quien es ...<br \/><div class=\"pt-cv-rmwrap\"><a href=\"https:\/\/www.dmsjuridica.com\/buscador_20179478954\/corteconstitucionalcronologico202454587\/t-305-05\/\" class=\"_self pt-cv-readmore btn btn-success\" target=\"_self\">Ver Sentencia Completa...<\/a><\/div><\/div><\/div><\/div>\n<div class=\"col-md-12 col-sm-12 col-xs-12 pt-cv-content-item pt-cv-1-col\" ><div class='pt-cv-ifield'><a href=\"https:\/\/www.dmsjuridica.com\/buscador_20179478954\/corteconstitucionalcronologico202454587\/t-304-05\/\" class=\"_self pt-cv-href-thumbnail pt-cv-thumb-default\" target=\"_self\" ><\/a>\n<div class=\"pt-cv-taxoterm above_title\"><a href='https:\/\/www.dmsjuridica.com\/buscador_20179478954\/corteconstitucionalcronologico202454587\/category\/buscar-en-toda-la-corte\/2005\/tutelas-2005\/' title='Tutelas 2005' class='pt-cv-tax-tutelas-2005'>Tutelas 2005<\/a><\/div>\n<h4 class=\"pt-cv-title\"><a href=\"https:\/\/www.dmsjuridica.com\/buscador_20179478954\/corteconstitucionalcronologico202454587\/t-304-05\/\" class=\"_self\" target=\"_self\" >T-304-05<\/a><\/h4>\n<div class=\"pt-cv-content\">\u00a0 \u00a0 Sentencia T-304\/05 \u00a0 PRESUNCION DE VERACIDAD EN TUTELA-Cuando el demandado no rinde informe solicitado por el Juez \u00a0 DERECHO AL DIAGNOSTICO-Contenido \u00a0 Teniendo los ex\u00e1menes de diagn\u00f3stico una \u00edntima relaci\u00f3n con el derecho a la salud en conexidad con el derecho a la vida en condiciones dignas, es evidente que su no pr\u00e1ctica puede deteriorar el estado de salud de una persona e incluso ocasionar la muerte cuando no se realizan oportunamente. De lo anterior se desprende la importancia del derecho al diagn\u00f3stico, pues la pr\u00e1ctica de ex\u00e1menes de esta naturaleza permite a los m\u00e9dicos marcar los derroteros ...<br \/><div class=\"pt-cv-rmwrap\"><a href=\"https:\/\/www.dmsjuridica.com\/buscador_20179478954\/corteconstitucionalcronologico202454587\/t-304-05\/\" class=\"_self pt-cv-readmore btn btn-success\" target=\"_self\">Ver Sentencia Completa...<\/a><\/div><\/div><\/div><\/div>\n<div class=\"col-md-12 col-sm-12 col-xs-12 pt-cv-content-item pt-cv-1-col\" ><div class='pt-cv-ifield'><a href=\"https:\/\/www.dmsjuridica.com\/buscador_20179478954\/corteconstitucionalcronologico202454587\/t-303-05\/\" class=\"_self pt-cv-href-thumbnail pt-cv-thumb-default\" target=\"_self\" ><\/a>\n<div class=\"pt-cv-taxoterm above_title\"><a href='https:\/\/www.dmsjuridica.com\/buscador_20179478954\/corteconstitucionalcronologico202454587\/category\/buscar-en-toda-la-corte\/2005\/tutelas-2005\/' title='Tutelas 2005' class='pt-cv-tax-tutelas-2005'>Tutelas 2005<\/a><\/div>\n<h4 class=\"pt-cv-title\"><a href=\"https:\/\/www.dmsjuridica.com\/buscador_20179478954\/corteconstitucionalcronologico202454587\/t-303-05\/\" class=\"_self\" target=\"_self\" >T-303-05<\/a><\/h4>\n<div class=\"pt-cv-content\">\u00a0 \u00a0 Sentencia T-303\/05 \u00a0 CREDITOS LABORALES-Causados con posterioridad al acuerdo concordatario se pagan como gastos de administraci\u00f3n\u00a0 \u00a0 Para la Sala es absolutamente claro que todos aquellos cr\u00e9ditos laborales causados desde la iniciaci\u00f3n de un proceso concordatario constituyen \u201cgastos de administraci\u00f3n\u201d y en esa medida su pago est\u00e1 revestido de una especial protecci\u00f3n derivada de su naturaleza y reconocida expresamente por la Ley en los t\u00e9rminos anteriormente se\u00f1alados. El hecho de que un cr\u00e9dito laboral no haya sido registrado por la entidad desde un comienzo, sino que sea el resultado de un proceso judicial, no altera en nada el ...<br \/><div class=\"pt-cv-rmwrap\"><a href=\"https:\/\/www.dmsjuridica.com\/buscador_20179478954\/corteconstitucionalcronologico202454587\/t-303-05\/\" class=\"_self pt-cv-readmore btn btn-success\" target=\"_self\">Ver Sentencia Completa...<\/a><\/div><\/div><\/div><\/div>\n<div class=\"col-md-12 col-sm-12 col-xs-12 pt-cv-content-item pt-cv-1-col\" ><div class='pt-cv-ifield'><a href=\"https:\/\/www.dmsjuridica.com\/buscador_20179478954\/corteconstitucionalcronologico202454587\/t-302-05\/\" class=\"_self pt-cv-href-thumbnail pt-cv-thumb-default\" target=\"_self\" ><\/a>\n<div class=\"pt-cv-taxoterm above_title\"><a href='https:\/\/www.dmsjuridica.com\/buscador_20179478954\/corteconstitucionalcronologico202454587\/category\/buscar-en-toda-la-corte\/2005\/tutelas-2005\/' title='Tutelas 2005' class='pt-cv-tax-tutelas-2005'>Tutelas 2005<\/a><\/div>\n<h4 class=\"pt-cv-title\"><a href=\"https:\/\/www.dmsjuridica.com\/buscador_20179478954\/corteconstitucionalcronologico202454587\/t-302-05\/\" class=\"_self\" target=\"_self\" >T-302-05<\/a><\/h4>\n<div class=\"pt-cv-content\">\u00a0 \u00a0 Sentencia T-302\/05 \u00a0 DERECHO A LA SALUD-Fundamental por conexidad\/DERECHO A LA SALUD Y A LA VIDA DIGNA-Suministro de aud\u00edfonos \u00a0 PERSONA DE LA TERCERA EDAD-Especial protecci\u00f3n constitucional por estado de debilidad e indefensi\u00f3n\u00a0 \u00a0 JUEZ CONSTITUCIONAL-Posici\u00f3n activa en materia probatoria \u00a0 Referencia: expediente T-968809 \u00a0 Acci\u00f3n de tutela instaurada por Teresa Navarro Zamora contra Seguro Social Seccional Cauca E.P.S \u00a0 Magistrado Ponente: \u00a0 Dr. ALVARO TAFUR GALVIS \u00a0 Bogot\u00e1, D.C., cuatro (4) de abril de dos mil cinco (2005). \u00a0 La Sala Octava de Revisi\u00f3n de la Corte Constitucional, integrada por los magistrados Clara In\u00e9s Vargas Hern\u00e1ndez, Jaime ...<br \/><div class=\"pt-cv-rmwrap\"><a href=\"https:\/\/www.dmsjuridica.com\/buscador_20179478954\/corteconstitucionalcronologico202454587\/t-302-05\/\" class=\"_self pt-cv-readmore btn btn-success\" target=\"_self\">Ver Sentencia Completa...<\/a><\/div><\/div><\/div><\/div>\n<div class=\"col-md-12 col-sm-12 col-xs-12 pt-cv-content-item pt-cv-1-col\" ><div class='pt-cv-ifield'><a href=\"https:\/\/www.dmsjuridica.com\/buscador_20179478954\/corteconstitucionalcronologico202454587\/t-301-05\/\" class=\"_self pt-cv-href-thumbnail pt-cv-thumb-default\" target=\"_self\" ><\/a>\n<div class=\"pt-cv-taxoterm above_title\"><a href='https:\/\/www.dmsjuridica.com\/buscador_20179478954\/corteconstitucionalcronologico202454587\/category\/buscar-en-toda-la-corte\/2005\/tutelas-2005\/' title='Tutelas 2005' class='pt-cv-tax-tutelas-2005'>Tutelas 2005<\/a><\/div>\n<h4 class=\"pt-cv-title\"><a href=\"https:\/\/www.dmsjuridica.com\/buscador_20179478954\/corteconstitucionalcronologico202454587\/t-301-05\/\" class=\"_self\" target=\"_self\" >T-301-05<\/a><\/h4>\n<div class=\"pt-cv-content\">\u00a0 \u00a0 Sentencia T-301\/05 \u00a0 DERECHO A LA SALUD-Fundamental por conexidad con la vida \u00a0 DERECHO A LA SALUD-Suministro de medicamento \u00a0 En este caso se verific\u00f3 que el derecho fundamental a la salud, en conexidad con la integridad f\u00edsica se encuentran amenazados por cuanto el SEGURO SOCIAL E.P.S. no le ha suministrado el medicamento a pesar de que el m\u00e9dico tratante consider\u00f3 que era necesario para conservar su calidad de vida. \u00a0 Reiteraci\u00f3n de Jurisprudencia \u00a0 Referencia: expediente T-1057957 \u00a0 Acci\u00f3n de tutela instaurada por Rosa Mar\u00eda del Carmen Ojeda Aguirre contra SEGURO SOCIAL E.P.S. \u00a0 Magistrado Ponente \u00a0 ...<br \/><div class=\"pt-cv-rmwrap\"><a href=\"https:\/\/www.dmsjuridica.com\/buscador_20179478954\/corteconstitucionalcronologico202454587\/t-301-05\/\" class=\"_self pt-cv-readmore btn btn-success\" target=\"_self\">Ver Sentencia Completa...<\/a><\/div><\/div><\/div><\/div>\n<div class=\"col-md-12 col-sm-12 col-xs-12 pt-cv-content-item pt-cv-1-col\" ><div class='pt-cv-ifield'><a href=\"https:\/\/www.dmsjuridica.com\/buscador_20179478954\/corteconstitucionalcronologico202454587\/t-300-05\/\" class=\"_self pt-cv-href-thumbnail pt-cv-thumb-default\" target=\"_self\" ><\/a>\n<div class=\"pt-cv-taxoterm above_title\"><a href='https:\/\/www.dmsjuridica.com\/buscador_20179478954\/corteconstitucionalcronologico202454587\/category\/buscar-en-toda-la-corte\/2005\/tutelas-2005\/' title='Tutelas 2005' class='pt-cv-tax-tutelas-2005'>Tutelas 2005<\/a><\/div>\n<h4 class=\"pt-cv-title\"><a href=\"https:\/\/www.dmsjuridica.com\/buscador_20179478954\/corteconstitucionalcronologico202454587\/t-300-05\/\" class=\"_self\" target=\"_self\" >T-300-05<\/a><\/h4>\n<div class=\"pt-cv-content\">PLAN OBLIGATORIO DE SALUD-Suministro de medicamentos excluidos \u00a0 COMITE TECNICO CIENTIFICO DE ENTIDAD PROMOTORA DE SALUD-Criterios que se deben tener en cuenta para autorizar medicamentos no incluidos en el POS \u00a0 COMITE TECNICO CIENTIFICO DE ENTIDAD PROMOTORA DE SALUD-Funciones\/COMITE TECNICO CIENTIFICO Y MEDICO TRATANTE-En conflictos sobre medicamentos prevalecen los que ha ordenado el m\u00e9dico\u00a0 \u00a0 El Comit\u00e9 T\u00e9cnico Cient\u00edfico de la E.P.S. neg\u00f3 la autorizaci\u00f3n del suministro del medicamento porque no se cumplen los requisitos de la resoluci\u00f3n 2948 de 2003. La Corte Constitucional en reiteradas ocasiones ha afirmado que la opini\u00f3n del m\u00e9dico tratante debe prevalecer sobre la de ...<br \/><div class=\"pt-cv-rmwrap\"><a href=\"https:\/\/www.dmsjuridica.com\/buscador_20179478954\/corteconstitucionalcronologico202454587\/t-300-05\/\" class=\"_self pt-cv-readmore btn btn-success\" target=\"_self\">Ver Sentencia Completa...<\/a><\/div><\/div><\/div><\/div>\n<div class=\"col-md-12 col-sm-12 col-xs-12 pt-cv-content-item pt-cv-1-col\" ><div class='pt-cv-ifield'><a href=\"https:\/\/www.dmsjuridica.com\/buscador_20179478954\/corteconstitucionalcronologico202454587\/t-299-05\/\" class=\"_self pt-cv-href-thumbnail pt-cv-thumb-default\" target=\"_self\" ><\/a>\n<div class=\"pt-cv-taxoterm above_title\"><a href='https:\/\/www.dmsjuridica.com\/buscador_20179478954\/corteconstitucionalcronologico202454587\/category\/buscar-en-toda-la-corte\/2005\/tutelas-2005\/' title='Tutelas 2005' class='pt-cv-tax-tutelas-2005'>Tutelas 2005<\/a><\/div>\n<h4 class=\"pt-cv-title\"><a href=\"https:\/\/www.dmsjuridica.com\/buscador_20179478954\/corteconstitucionalcronologico202454587\/t-299-05\/\" class=\"_self\" target=\"_self\" >T-299-05<\/a><\/h4>\n<div class=\"pt-cv-content\">\u00a0 \u00a0 Sentencia T-299\/05 \u00a0 CURADOR AD LITEM-Facultad para proponer excepci\u00f3n de prescripci\u00f3n de la acci\u00f3n cambiaria \u00a0 La figura del curador ad litem tiene por fin brindar representaci\u00f3n al que no concurre al proceso \u2013 de manera inadvertida o intencionalmente \u2013 con el objeto de garantizarle su derecho a la defensa. De acuerdo con el art\u00edculo 46 del C.P.C., el curador \u201cest\u00e1 facultado para realizar todos los actos procesales que no est\u00e9n reservados a la parte misma, as\u00ed como para constituir apoderado judicial bajo su responsabilidad, pero no puede recibir ni disponer del derecho en litigio.\u201d Ello indica que ...<br \/><div class=\"pt-cv-rmwrap\"><a href=\"https:\/\/www.dmsjuridica.com\/buscador_20179478954\/corteconstitucionalcronologico202454587\/t-299-05\/\" class=\"_self pt-cv-readmore btn btn-success\" target=\"_self\">Ver Sentencia Completa...<\/a><\/div><\/div><\/div><\/div>\n<div class=\"col-md-12 col-sm-12 col-xs-12 pt-cv-content-item pt-cv-1-col\" ><div class='pt-cv-ifield'><a href=\"https:\/\/www.dmsjuridica.com\/buscador_20179478954\/corteconstitucionalcronologico202454587\/t-298-05\/\" class=\"_self pt-cv-href-thumbnail pt-cv-thumb-default\" target=\"_self\" ><\/a>\n<div class=\"pt-cv-taxoterm above_title\"><a href='https:\/\/www.dmsjuridica.com\/buscador_20179478954\/corteconstitucionalcronologico202454587\/category\/buscar-en-toda-la-corte\/2005\/tutelas-2005\/' title='Tutelas 2005' class='pt-cv-tax-tutelas-2005'>Tutelas 2005<\/a><\/div>\n<h4 class=\"pt-cv-title\"><a href=\"https:\/\/www.dmsjuridica.com\/buscador_20179478954\/corteconstitucionalcronologico202454587\/t-298-05\/\" class=\"_self\" target=\"_self\" >T-298-05<\/a><\/h4>\n<div class=\"pt-cv-content\">\u00a0 \u00a0 Sentencia T-298\/05 \u00a0 DERECHO A LA SALUD-Suministro de aud\u00edfonos \u00a0 El Seguro Social EPS desconoce el derecho a la salud, en conexidad con el derecho a la integridad personal de la peticionaria, de acuerdo con los par\u00e1metros jurisprudenciales citados. Efectivamente, (i) la falta de los aud\u00edfonos ordenados por el m\u00e9dico tratante amenaza la integridad personal de la accionante (su capacidad auditiva); (ii) el servicio no puede ser sustituido por otro que se encuentre en el plan obligatorio; (iii) la persona no puede costearlo y no puede acceder al servicio por otro plan distinto que lo beneficie, y por ...<br \/><div class=\"pt-cv-rmwrap\"><a href=\"https:\/\/www.dmsjuridica.com\/buscador_20179478954\/corteconstitucionalcronologico202454587\/t-298-05\/\" class=\"_self pt-cv-readmore btn btn-success\" target=\"_self\">Ver Sentencia Completa...<\/a><\/div><\/div><\/div><\/div>\n<div class=\"col-md-12 col-sm-12 col-xs-12 pt-cv-content-item pt-cv-1-col\" ><div class='pt-cv-ifield'><a href=\"https:\/\/www.dmsjuridica.com\/buscador_20179478954\/corteconstitucionalcronologico202454587\/t-297-05\/\" class=\"_self pt-cv-href-thumbnail pt-cv-thumb-default\" target=\"_self\" ><\/a>\n<div class=\"pt-cv-taxoterm above_title\"><a href='https:\/\/www.dmsjuridica.com\/buscador_20179478954\/corteconstitucionalcronologico202454587\/category\/buscar-en-toda-la-corte\/2005\/tutelas-2005\/' title='Tutelas 2005' class='pt-cv-tax-tutelas-2005'>Tutelas 2005<\/a><\/div>\n<h4 class=\"pt-cv-title\"><a href=\"https:\/\/www.dmsjuridica.com\/buscador_20179478954\/corteconstitucionalcronologico202454587\/t-297-05\/\" class=\"_self\" target=\"_self\" >T-297-05<\/a><\/h4>\n<div class=\"pt-cv-content\">\u00a0 \u00a0 Sentencia T-297\/05 \u00a0 DERECHO DE ACCESO A MEDICAMENTOS EN LA JURISPRUDENCIA CONSTITUCIONAL \u00a0 ACCION DE TUTELA-Carencia actual de objeto por haberse comprobado pronta disponibilidad en el mercado del medicamento \u00a0 JUEZ DE TUTELA-Pruebas que se han debido decretar en caso de suministro de medicamentos \u00a0 Advierte la Corte en aras de proteger los derechos fundamentales del demandante a la vida y\/o a la integridad personal en conexidad con su derecho a la salud, los jueces de instancia han debido decretar pruebas tendientes a comprobar (i) si m\u00e9dicamente era posible que el accionante sustituyera el medicamento mysoline, por otro ...<br \/><div class=\"pt-cv-rmwrap\"><a href=\"https:\/\/www.dmsjuridica.com\/buscador_20179478954\/corteconstitucionalcronologico202454587\/t-297-05\/\" class=\"_self pt-cv-readmore btn btn-success\" target=\"_self\">Ver Sentencia Completa...<\/a><\/div><\/div><\/div><\/div>\n<div class=\"col-md-12 col-sm-12 col-xs-12 pt-cv-content-item pt-cv-1-col\" ><div class='pt-cv-ifield'><a href=\"https:\/\/www.dmsjuridica.com\/buscador_20179478954\/corteconstitucionalcronologico202454587\/t-296-05\/\" class=\"_self pt-cv-href-thumbnail pt-cv-thumb-default\" target=\"_self\" ><\/a>\n<div class=\"pt-cv-taxoterm above_title\"><a href='https:\/\/www.dmsjuridica.com\/buscador_20179478954\/corteconstitucionalcronologico202454587\/category\/buscar-en-toda-la-corte\/2005\/tutelas-2005\/' title='Tutelas 2005' class='pt-cv-tax-tutelas-2005'>Tutelas 2005<\/a><\/div>\n<h4 class=\"pt-cv-title\"><a href=\"https:\/\/www.dmsjuridica.com\/buscador_20179478954\/corteconstitucionalcronologico202454587\/t-296-05\/\" class=\"_self\" target=\"_self\" >T-296-05<\/a><\/h4>\n<div class=\"pt-cv-content\">\u00a0 \u00a0 Sentencia T-296\/05 \u00a0 INDEXACION DE LA PRIMERA MESADA PENSIONAL \u00a0 DERECHOS DEL PENSIONADO A MANTENER EL PODER ADQUISITIVO DE LA MONEDA-Procedencia de su reconocimiento \u00a0 INDEXACION DE LA PRIMERA MESADA PENSIONAL-Protecci\u00f3n de derechos fundamentales \u00a0 Referencia: expediente T-1011911 \u00a0 Acci\u00f3n de tutela instaurada por Rafael de Jes\u00fas Contreras Gil contra la Sala de Casaci\u00f3n Laboral de la Corte Suprema de Justicia \u00a0 Magistrado Ponente: \u00a0 Dr. MANUEL JOS\u00c9 CEPEDA ESPINOSA \u00a0 Bogot\u00e1 D.C., treinta y uno (31) de marzo de dos mil cinco (2005). \u00a0 SENTENCIA \u00a0 En el proceso de revisi\u00f3n del fallo de tutela proferido por ...<br \/><div class=\"pt-cv-rmwrap\"><a href=\"https:\/\/www.dmsjuridica.com\/buscador_20179478954\/corteconstitucionalcronologico202454587\/t-296-05\/\" class=\"_self pt-cv-readmore btn btn-success\" target=\"_self\">Ver Sentencia Completa...<\/a><\/div><\/div><\/div><\/div>\n<div class=\"col-md-12 col-sm-12 col-xs-12 pt-cv-content-item pt-cv-1-col\" ><div class='pt-cv-ifield'><a href=\"https:\/\/www.dmsjuridica.com\/buscador_20179478954\/corteconstitucionalcronologico202454587\/t-295-05\/\" class=\"_self pt-cv-href-thumbnail pt-cv-thumb-default\" target=\"_self\" ><\/a>\n<div class=\"pt-cv-taxoterm above_title\"><a href='https:\/\/www.dmsjuridica.com\/buscador_20179478954\/corteconstitucionalcronologico202454587\/category\/buscar-en-toda-la-corte\/2005\/tutelas-2005\/' title='Tutelas 2005' class='pt-cv-tax-tutelas-2005'>Tutelas 2005<\/a><\/div>\n<h4 class=\"pt-cv-title\"><a href=\"https:\/\/www.dmsjuridica.com\/buscador_20179478954\/corteconstitucionalcronologico202454587\/t-295-05\/\" class=\"_self\" target=\"_self\" >T-295-05<\/a><\/h4>\n<div class=\"pt-cv-content\">\u00a0 \u00a0 Sentencia T-295\/05 \u00a0 ACCION DE TUTELA CONTRA PROVIDENCIAS JUDICIALES-Procedencia \u00a0 VIA DE HECHO POR DEFECTO SUSTANTIVO POR INTERPRETACION INDEBIDA DE NORMAS JURIDICAS \u00a0 La Corte Constitucional ha indicado que la interpretaci\u00f3n indebida de normas jur\u00eddicas puede conducir a que se configure una v\u00eda de hecho por defecto sustantivo. As\u00ed, en la sentencia T-462 de 2003 (M.P. Eduardo Montealegre Lynett) se expres\u00f3 al respecto: \u201cEn otras palabras, una providencia judicial adolece de un defecto sustantivo (i) cuando la norma aplicable al caso es claramente inadvertida o no tenida en cuenta por el fallador, (ii) cuando a pesar del amplio ...<br \/><div class=\"pt-cv-rmwrap\"><a href=\"https:\/\/www.dmsjuridica.com\/buscador_20179478954\/corteconstitucionalcronologico202454587\/t-295-05\/\" class=\"_self pt-cv-readmore btn btn-success\" target=\"_self\">Ver Sentencia Completa...<\/a><\/div><\/div><\/div><\/div>\n<div class=\"col-md-12 col-sm-12 col-xs-12 pt-cv-content-item pt-cv-1-col\" ><div class='pt-cv-ifield'><a href=\"https:\/\/www.dmsjuridica.com\/buscador_20179478954\/corteconstitucionalcronologico202454587\/t-294-05\/\" class=\"_self pt-cv-href-thumbnail pt-cv-thumb-default\" target=\"_self\" ><\/a>\n<div class=\"pt-cv-taxoterm above_title\"><a href='https:\/\/www.dmsjuridica.com\/buscador_20179478954\/corteconstitucionalcronologico202454587\/category\/buscar-en-toda-la-corte\/2005\/tutelas-2005\/' title='Tutelas 2005' class='pt-cv-tax-tutelas-2005'>Tutelas 2005<\/a><\/div>\n<h4 class=\"pt-cv-title\"><a href=\"https:\/\/www.dmsjuridica.com\/buscador_20179478954\/corteconstitucionalcronologico202454587\/t-294-05\/\" class=\"_self\" target=\"_self\" >T-294-05<\/a><\/h4>\n<div class=\"pt-cv-content\">\u00a0 \u00a0 Sentencia T-294\/05 \u00a0 SECUESTRADO O DESAPARECIDO-Protecci\u00f3n por la jurisprudencia constitucional y factores que se han tenido en cuenta \u00a0 SECUESTRADO O DESAPARECIDO-Ley 589 de 2000 estableci\u00f3 el r\u00e9gimen para la continuidad en el pago de salarios u honorarios\u00a0 \u00a0 Una vez expedida la Ley 589 de 2000, el mecanismo previsto en el art\u00edculo 10 hizo improcedente la acci\u00f3n de tutela para reclamar la continuidad del pago de los salarios a favor de la familia del secuestrado o desaparecido forzadamente, salvo que se interpusiera como mecanismo transitorio para evitar un perjuicio irremediable. El r\u00e9gimen establecido en la Ley 589 ...<br \/><div class=\"pt-cv-rmwrap\"><a href=\"https:\/\/www.dmsjuridica.com\/buscador_20179478954\/corteconstitucionalcronologico202454587\/t-294-05\/\" class=\"_self pt-cv-readmore btn btn-success\" target=\"_self\">Ver Sentencia Completa...<\/a><\/div><\/div><\/div><\/div>\n<div class=\"col-md-12 col-sm-12 col-xs-12 pt-cv-content-item pt-cv-1-col\" ><div class='pt-cv-ifield'><a href=\"https:\/\/www.dmsjuridica.com\/buscador_20179478954\/corteconstitucionalcronologico202454587\/t-293-05\/\" class=\"_self pt-cv-href-thumbnail pt-cv-thumb-default\" target=\"_self\" ><\/a>\n<div class=\"pt-cv-taxoterm above_title\"><a href='https:\/\/www.dmsjuridica.com\/buscador_20179478954\/corteconstitucionalcronologico202454587\/category\/buscar-en-toda-la-corte\/2005\/tutelas-2005\/' title='Tutelas 2005' class='pt-cv-tax-tutelas-2005'>Tutelas 2005<\/a><\/div>\n<h4 class=\"pt-cv-title\"><a href=\"https:\/\/www.dmsjuridica.com\/buscador_20179478954\/corteconstitucionalcronologico202454587\/t-293-05\/\" class=\"_self\" target=\"_self\" >T-293-05<\/a><\/h4>\n<div class=\"pt-cv-content\">\u00a0 \u00a0 Sentencia T-293\/05 \u00a0 DERECHO A LA SALUD DEL MENOR-Hecho superado por entrega de carnet de afiliaci\u00f3n a ARS \u00a0 Referencia: expediente T-1007653\u00a0 \u00a0 Acci\u00f3n de tutela instaurada por Juan Carlos Pinz\u00f3n Espinosa a nombre de su hijo Andr\u00e9s Giovanny Pinz\u00f3n Rivera en contra del Municipio de Floridablanca y la Secretar\u00eda de Salud Departamental de Santander.\u00a0 \u00a0 Magistrado Ponente: \u00a0 Dr. MANUEL JOSE CEPEDA ESPINOSA \u00a0 Bogot\u00e1, D.C., treinta y uno (31) de marzo de dos mil cinco (2005). \u00a0 La Sala Tercera de Revisi\u00f3n de la Corte Constitucional, integrada por los magistrados Manuel Jos\u00e9 Cepeda Espinosa, Jaime C\u00f3rdoba ...<br \/><div class=\"pt-cv-rmwrap\"><a href=\"https:\/\/www.dmsjuridica.com\/buscador_20179478954\/corteconstitucionalcronologico202454587\/t-293-05\/\" class=\"_self pt-cv-readmore btn btn-success\" target=\"_self\">Ver Sentencia Completa...<\/a><\/div><\/div><\/div><\/div>\n<div class=\"col-md-12 col-sm-12 col-xs-12 pt-cv-content-item pt-cv-1-col\" ><div class='pt-cv-ifield'><a href=\"https:\/\/www.dmsjuridica.com\/buscador_20179478954\/corteconstitucionalcronologico202454587\/t-292-05\/\" class=\"_self pt-cv-href-thumbnail pt-cv-thumb-default\" target=\"_self\" ><\/a>\n<div class=\"pt-cv-taxoterm above_title\"><a href='https:\/\/www.dmsjuridica.com\/buscador_20179478954\/corteconstitucionalcronologico202454587\/category\/buscar-en-toda-la-corte\/2005\/tutelas-2005\/' title='Tutelas 2005' class='pt-cv-tax-tutelas-2005'>Tutelas 2005<\/a><\/div>\n<h4 class=\"pt-cv-title\"><a href=\"https:\/\/www.dmsjuridica.com\/buscador_20179478954\/corteconstitucionalcronologico202454587\/t-292-05\/\" class=\"_self\" target=\"_self\" >T-292-05<\/a><\/h4>\n<div class=\"pt-cv-content\">\u00a0 \u00a0 Sentencia T-292\/05 \u00a0 ACCION DE TUTELA CONTRA ENTIDAD FINANCIERA-Procedencia \u00a0 ACTO PROPIO-Respeto por entidad financiera\/PRINCIPIO DE RESPETO AL ACTO PROPIO-Casos en que resulta aplicable \u00a0 La Sala considera, como lo viene reiterando la jurisprudencia constitucional, que el principio del respeto al acto propio es aplicable en las disputas que se susciten entre las entidades financieras y los usuarios del sistema a prop\u00f3sito de las controversias por errores en el c\u00e1lculo de la reliquidaci\u00f3n de deudas hipotecarias, de acuerdo con lo dispuesto por la Ley 546 de 1999. Seg\u00fan la jurisprudencia, el principio de respeto del acto propio, \u201c(\u2026) ...<br \/><div class=\"pt-cv-rmwrap\"><a href=\"https:\/\/www.dmsjuridica.com\/buscador_20179478954\/corteconstitucionalcronologico202454587\/t-292-05\/\" class=\"_self pt-cv-readmore btn btn-success\" target=\"_self\">Ver Sentencia Completa...<\/a><\/div><\/div><\/div><\/div>\n<div class=\"col-md-12 col-sm-12 col-xs-12 pt-cv-content-item pt-cv-1-col\" ><div class='pt-cv-ifield'><a href=\"https:\/\/www.dmsjuridica.com\/buscador_20179478954\/corteconstitucionalcronologico202454587\/t-291-05\/\" class=\"_self pt-cv-href-thumbnail pt-cv-thumb-default\" target=\"_self\" ><\/a>\n<div class=\"pt-cv-taxoterm above_title\"><a href='https:\/\/www.dmsjuridica.com\/buscador_20179478954\/corteconstitucionalcronologico202454587\/category\/buscar-en-toda-la-corte\/2005\/tutelas-2005\/' title='Tutelas 2005' class='pt-cv-tax-tutelas-2005'>Tutelas 2005<\/a><\/div>\n<h4 class=\"pt-cv-title\"><a href=\"https:\/\/www.dmsjuridica.com\/buscador_20179478954\/corteconstitucionalcronologico202454587\/t-291-05\/\" class=\"_self\" target=\"_self\" >T-291-05<\/a><\/h4>\n<div class=\"pt-cv-content\">\u00a0 \u00a0 Sentencia T-291\/05 \u00a0 ACCION DE TUTELA CONTRA COOPERATIVA DE TRABAJO ASOCIADO\/CONTRATO DE ASOCIACION \u00a0 PRINCIPIO DE PRIMACIA DE LA REALIDAD SOBRE \u00a0FORMALIDADES EN RELACIONES LABORALES-Aplicaci\u00f3n \u00a0 De acuerdo con la legislaci\u00f3n laboral, existe un contrato de trabajo cuando se re\u00fanen los siguientes requisitos esenciales: (i) el trabajador desempe\u00f1a una actividad por s\u00ed mismo (actividad personal), (ii) la cual realiza de manera subordinada o dependiente del empleador, lo que se refleja en el cumplimiento de \u00f3rdenes impartidas por \u00e9ste, relativas al modo, tiempo o cantidad de trabajo y (iii) recibe un salario como retribuci\u00f3n del servicio prestado (Art. 23 ...<br \/><div class=\"pt-cv-rmwrap\"><a href=\"https:\/\/www.dmsjuridica.com\/buscador_20179478954\/corteconstitucionalcronologico202454587\/t-291-05\/\" class=\"_self pt-cv-readmore btn btn-success\" target=\"_self\">Ver Sentencia Completa...<\/a><\/div><\/div><\/div><\/div>\n<div class=\"col-md-12 col-sm-12 col-xs-12 pt-cv-content-item pt-cv-1-col\" ><div class='pt-cv-ifield'><a href=\"https:\/\/www.dmsjuridica.com\/buscador_20179478954\/corteconstitucionalcronologico202454587\/t-290-05\/\" class=\"_self pt-cv-href-thumbnail pt-cv-thumb-default\" target=\"_self\" ><\/a>\n<div class=\"pt-cv-taxoterm above_title\"><a href='https:\/\/www.dmsjuridica.com\/buscador_20179478954\/corteconstitucionalcronologico202454587\/category\/buscar-en-toda-la-corte\/2005\/tutelas-2005\/' title='Tutelas 2005' class='pt-cv-tax-tutelas-2005'>Tutelas 2005<\/a><\/div>\n<h4 class=\"pt-cv-title\"><a href=\"https:\/\/www.dmsjuridica.com\/buscador_20179478954\/corteconstitucionalcronologico202454587\/t-290-05\/\" class=\"_self\" target=\"_self\" >T-290-05<\/a><\/h4>\n<div class=\"pt-cv-content\">\u00a0 \u00a0 Sentencia T-290\/05 \u00a0 DERECHO A LA PENSION DE INVALIDEZ Y DERECHO A LA SEGURIDAD SOCIAL-Protecci\u00f3n por tutela \u00a0 El derecho a la pensi\u00f3n de invalidez, como elemento constituyente del derecho a la seguridad social, resulta por ende tutelable si se logra demostrar que su desconocimiento pone en grave peligro los derechos a la vida, a la dignidad humana y a la integridad del titular. \u00a0 ACCION DE TUTELA FRENTE A MEDIO DE DEFENSA JUDICIAL-Procedencia excepcional como mecanismo transitorio para evitar un perjuicio irremediable \u00a0 PERJUICIO IRREMEDIABLE-Concepto\/PERJUICIO IRREMEDIABLE-Elementos \u00a0 ACCION DE TUTELA TRANSITORIA-Prueba de perjuicio irremediable\/PERJUICIO IRREMEDIABLE-Prueba no est\u00e1 ...<br \/><div class=\"pt-cv-rmwrap\"><a href=\"https:\/\/www.dmsjuridica.com\/buscador_20179478954\/corteconstitucionalcronologico202454587\/t-290-05\/\" class=\"_self pt-cv-readmore btn btn-success\" target=\"_self\">Ver Sentencia Completa...<\/a><\/div><\/div><\/div><\/div>\n<div class=\"col-md-12 col-sm-12 col-xs-12 pt-cv-content-item pt-cv-1-col\" ><div class='pt-cv-ifield'><a href=\"https:\/\/www.dmsjuridica.com\/buscador_20179478954\/corteconstitucionalcronologico202454587\/t-289-05\/\" class=\"_self pt-cv-href-thumbnail pt-cv-thumb-default\" target=\"_self\" ><\/a>\n<div class=\"pt-cv-taxoterm above_title\"><a href='https:\/\/www.dmsjuridica.com\/buscador_20179478954\/corteconstitucionalcronologico202454587\/category\/buscar-en-toda-la-corte\/2005\/tutelas-2005\/' title='Tutelas 2005' class='pt-cv-tax-tutelas-2005'>Tutelas 2005<\/a><\/div>\n<h4 class=\"pt-cv-title\"><a href=\"https:\/\/www.dmsjuridica.com\/buscador_20179478954\/corteconstitucionalcronologico202454587\/t-289-05\/\" class=\"_self\" target=\"_self\" >T-289-05<\/a><\/h4>\n<div class=\"pt-cv-content\">\u00a0 \u00a0 Sentencia T-289\/05 \u00a0 AUTO DE RECHAZO DE PLANO DE DEMANDA DE NULIDAD Y RESTABLECIMIENTO DEL DERECHO-Recurso que procede \u00a0 ACCION DE TUTELA CONTRA PROVIDENCIAS JUDICIALES POR VIA DE HECHO-Procedencia excepcional\/VIA DE HECHO CONTRA AUTO-Por defecto procedimental \u00a0 En el ejercicio de la protecci\u00f3n del debido proceso, armonizada con el respeto a la autonom\u00eda judicial, la Corte considera que s\u00f3lo se constituye una v\u00eda de hecho por defecto procedimental cuando el juez ignora completamente el procedimiento establecido, escoge arbitrariamente las normas procesales aplicables en el caso concreto o hace caso omiso de los principios m\u00ednimos del debido proceso contenidos ...<br \/><div class=\"pt-cv-rmwrap\"><a href=\"https:\/\/www.dmsjuridica.com\/buscador_20179478954\/corteconstitucionalcronologico202454587\/t-289-05\/\" class=\"_self pt-cv-readmore btn btn-success\" target=\"_self\">Ver Sentencia Completa...<\/a><\/div><\/div><\/div><\/div>\n<div class=\"col-md-12 col-sm-12 col-xs-12 pt-cv-content-item pt-cv-1-col\" ><div class='pt-cv-ifield'><a href=\"https:\/\/www.dmsjuridica.com\/buscador_20179478954\/corteconstitucionalcronologico202454587\/t-288-05\/\" class=\"_self pt-cv-href-thumbnail pt-cv-thumb-default\" target=\"_self\" ><\/a>\n<div class=\"pt-cv-taxoterm above_title\"><a href='https:\/\/www.dmsjuridica.com\/buscador_20179478954\/corteconstitucionalcronologico202454587\/category\/buscar-en-toda-la-corte\/2005\/tutelas-2005\/' title='Tutelas 2005' class='pt-cv-tax-tutelas-2005'>Tutelas 2005<\/a><\/div>\n<h4 class=\"pt-cv-title\"><a href=\"https:\/\/www.dmsjuridica.com\/buscador_20179478954\/corteconstitucionalcronologico202454587\/t-288-05\/\" class=\"_self\" target=\"_self\" >T-288-05<\/a><\/h4>\n<div class=\"pt-cv-content\">\u00a0 \u00a0 Sentencia T-288\/05 \u00a0 FUERO SINDICAL-Finalidad \u00a0 ACCION DE REINTEGRO DE TRABAJADOR CON FUERO SINDICAL-Prescripci\u00f3n \u00a0 ACCION DE REINTEGRO DE TRABAJADOR CON FUERO SINDICAL-Eficacia para la protecci\u00f3n de derechos fundamentales por despido sin previa calificaci\u00f3n judicial \u00a0 ACCION DE TUTELA-Inmediatez \u00a0 \u00a0 Referencia: T-1017161 \u00a0 Peticionario: Mar\u00eda Isabel Puentes D\u00edaz \u00a0 Accionado: Instituto de Seguros Sociales, Seccional Boyac\u00e1 \u00a0 Magistrado Ponente:\u00a0 \u00a0 Dr. MARCO GERARDO MONROY CABRA \u00a0 Bogot\u00e1 D. C., treinta y uno \u00a0(31) \u00a0de marzo de dos mil cinco (2005) \u00a0 La Sala Sexta de la Corte Constitucional, integrada por los Magistrados Humberto Antonio Sierra Porto, \u00c1lvaro ...<br \/><div class=\"pt-cv-rmwrap\"><a href=\"https:\/\/www.dmsjuridica.com\/buscador_20179478954\/corteconstitucionalcronologico202454587\/t-288-05\/\" class=\"_self pt-cv-readmore btn btn-success\" target=\"_self\">Ver Sentencia Completa...<\/a><\/div><\/div><\/div><\/div>\n<div class=\"col-md-12 col-sm-12 col-xs-12 pt-cv-content-item pt-cv-1-col\" ><div class='pt-cv-ifield'><a href=\"https:\/\/www.dmsjuridica.com\/buscador_20179478954\/corteconstitucionalcronologico202454587\/t-287-05\/\" class=\"_self pt-cv-href-thumbnail pt-cv-thumb-default\" target=\"_self\" ><\/a>\n<div class=\"pt-cv-taxoterm above_title\"><a href='https:\/\/www.dmsjuridica.com\/buscador_20179478954\/corteconstitucionalcronologico202454587\/category\/buscar-en-toda-la-corte\/2005\/tutelas-2005\/' title='Tutelas 2005' class='pt-cv-tax-tutelas-2005'>Tutelas 2005<\/a><\/div>\n<h4 class=\"pt-cv-title\"><a href=\"https:\/\/www.dmsjuridica.com\/buscador_20179478954\/corteconstitucionalcronologico202454587\/t-287-05\/\" class=\"_self\" target=\"_self\" >T-287-05<\/a><\/h4>\n<div class=\"pt-cv-content\">\u00a0 \u00a0 Sentencia T-287\/05 \u00a0 SISBEN-Calidad de vinculado \u00a0 La calidad de vinculado tiene car\u00e1cter transitorio, pues busca brindar protecci\u00f3n a aquellas personas que, por falta de disponibilidad de cupos en una A.R.S., no han adquirido la calidad de afiliados, pero est\u00e1n en espera de ello por reunir todos los requisitos exigidos por las normas que reglamentan la materia. Por lo tanto, no constituye un tercer r\u00e9gimen, sino una modalidad de participantes protegidos. \u00a0 SISBEN-Realizaci\u00f3n de encuesta que permita acceder al r\u00e9gimen subsidiado de salud aunque ya haya sido objeto de estudio en una IPS \u00a0 Cabe se\u00f1alar que toda ...<br \/><div class=\"pt-cv-rmwrap\"><a href=\"https:\/\/www.dmsjuridica.com\/buscador_20179478954\/corteconstitucionalcronologico202454587\/t-287-05\/\" class=\"_self pt-cv-readmore btn btn-success\" target=\"_self\">Ver Sentencia Completa...<\/a><\/div><\/div><\/div><\/div>\n<div class=\"col-md-12 col-sm-12 col-xs-12 pt-cv-content-item pt-cv-1-col\" ><div class='pt-cv-ifield'><a href=\"https:\/\/www.dmsjuridica.com\/buscador_20179478954\/corteconstitucionalcronologico202454587\/t-286-05\/\" class=\"_self pt-cv-href-thumbnail pt-cv-thumb-default\" target=\"_self\" ><\/a>\n<div class=\"pt-cv-taxoterm above_title\"><a href='https:\/\/www.dmsjuridica.com\/buscador_20179478954\/corteconstitucionalcronologico202454587\/category\/buscar-en-toda-la-corte\/2005\/tutelas-2005\/' title='Tutelas 2005' class='pt-cv-tax-tutelas-2005'>Tutelas 2005<\/a><\/div>\n<h4 class=\"pt-cv-title\"><a href=\"https:\/\/www.dmsjuridica.com\/buscador_20179478954\/corteconstitucionalcronologico202454587\/t-286-05\/\" class=\"_self\" target=\"_self\" >T-286-05<\/a><\/h4>\n<div class=\"pt-cv-content\">\u00a0 \u00a0 Sentencia T-286\/05 \u00a0 AUTONOMIA UNIVERSITARIA-L\u00edmites y casos en que procede intervenci\u00f3n de Juez Constitucional\/REGLAMENTO UNIVERSITARIO-Conflicto interpretativo \u00a0 Para lo que interesa en el caso sub ex\u00e1mine, la autonom\u00eda universitaria se manifiesta en concreto, como se dijo, en la facultad de dictar sus propios reglamentos, lo que lleva consigo las siguientes consecuencias : (1) solucionar internamente sus controversias, adoptando la decisi\u00f3n que considere m\u00e1s adecuada; y, (2) interpretar el alcance de las normas contenidas en su reglamento. Por ello, la intervenci\u00f3n del juez constitucional en estos puntos s\u00f3lo procede cuando la norma del reglamento o la interpretaci\u00f3n de la ...<br \/><div class=\"pt-cv-rmwrap\"><a href=\"https:\/\/www.dmsjuridica.com\/buscador_20179478954\/corteconstitucionalcronologico202454587\/t-286-05\/\" class=\"_self pt-cv-readmore btn btn-success\" target=\"_self\">Ver Sentencia Completa...<\/a><\/div><\/div><\/div><\/div>\n<div class=\"col-md-12 col-sm-12 col-xs-12 pt-cv-content-item pt-cv-1-col\" ><div class='pt-cv-ifield'><a href=\"https:\/\/www.dmsjuridica.com\/buscador_20179478954\/corteconstitucionalcronologico202454587\/t-285-05\/\" class=\"_self pt-cv-href-thumbnail pt-cv-thumb-default\" target=\"_self\" ><\/a>\n<div class=\"pt-cv-taxoterm above_title\"><a href='https:\/\/www.dmsjuridica.com\/buscador_20179478954\/corteconstitucionalcronologico202454587\/category\/buscar-en-toda-la-corte\/2005\/tutelas-2005\/' title='Tutelas 2005' class='pt-cv-tax-tutelas-2005'>Tutelas 2005<\/a><\/div>\n<h4 class=\"pt-cv-title\"><a href=\"https:\/\/www.dmsjuridica.com\/buscador_20179478954\/corteconstitucionalcronologico202454587\/t-285-05\/\" class=\"_self\" target=\"_self\" >T-285-05<\/a><\/h4>\n<div class=\"pt-cv-content\">\u00a0 \u00a0 Sentencia T-285\/05\u00a0 \u00a0 ACCION DE TUTELA-Procedencia excepcional pago de salarios atrasados y criterio de inmediatez \u00a0 En el caso en estudio, el no pago de los salarios correspondientes a el a\u00f1o 2003, no le vulnera el m\u00ednimo vital a la se\u00f1ora, por no existir la inmediatez entre el tiempo de acusaci\u00f3n y su reclamaci\u00f3n, contrario a lo sucedido con los salarios de mayo a octubre de 2004, ya que la acci\u00f3n de tutela la interpuso el 4 de noviembre de 2004, fecha para la cual la entidad le adeudaba seis meses de salario, vulner\u00e1ndole abiertamente su m\u00ednimo vital ...<br \/><div class=\"pt-cv-rmwrap\"><a href=\"https:\/\/www.dmsjuridica.com\/buscador_20179478954\/corteconstitucionalcronologico202454587\/t-285-05\/\" class=\"_self pt-cv-readmore btn btn-success\" target=\"_self\">Ver Sentencia Completa...<\/a><\/div><\/div><\/div><\/div>\n<div class=\"col-md-12 col-sm-12 col-xs-12 pt-cv-content-item pt-cv-1-col\" ><div class='pt-cv-ifield'><a href=\"https:\/\/www.dmsjuridica.com\/buscador_20179478954\/corteconstitucionalcronologico202454587\/t-284-05\/\" class=\"_self pt-cv-href-thumbnail pt-cv-thumb-default\" target=\"_self\" ><\/a>\n<div class=\"pt-cv-taxoterm above_title\"><a href='https:\/\/www.dmsjuridica.com\/buscador_20179478954\/corteconstitucionalcronologico202454587\/category\/buscar-en-toda-la-corte\/2005\/tutelas-2005\/' title='Tutelas 2005' class='pt-cv-tax-tutelas-2005'>Tutelas 2005<\/a><\/div>\n<h4 class=\"pt-cv-title\"><a href=\"https:\/\/www.dmsjuridica.com\/buscador_20179478954\/corteconstitucionalcronologico202454587\/t-284-05\/\" class=\"_self\" target=\"_self\" >T-284-05<\/a><\/h4>\n<div class=\"pt-cv-content\">\u00a0 \u00a0 Sentencia T-284\/05 \u00a0 FALTA DE LEGITIMACION POR ACTIVA EN TUTELA-Desplazada en representaci\u00f3n de otros desplazados \u00a0 Esta acci\u00f3n de tutela es improcedente por falta de legitimaci\u00f3n activa de la actora para actuar en nombre y representaci\u00f3n de los desplazados llegados a Ibagu\u00e9. \u00a0 DESPLAZADA-Improcedencia de tutela por cuanto no demostr\u00f3 ni siquiera sumariamente vulneraci\u00f3n de derechos fundamentales \u00a0 Referencia: expediente T-1013164 \u00a0 Acci\u00f3n de tutela instaurada por Alcira Pulido Ocampo contra la Presidencia de la Rep\u00fablica, la Red de Solidaridad Social, el Ministerio de Hacienda y Cr\u00e9dito P\u00fablico, el Ministerio de Ambiente, Fonvivienda, la Gobernaci\u00f3n del Tolima y ...<br \/><div class=\"pt-cv-rmwrap\"><a href=\"https:\/\/www.dmsjuridica.com\/buscador_20179478954\/corteconstitucionalcronologico202454587\/t-284-05\/\" class=\"_self pt-cv-readmore btn btn-success\" target=\"_self\">Ver Sentencia Completa...<\/a><\/div><\/div><\/div><\/div>\n<div class=\"col-md-12 col-sm-12 col-xs-12 pt-cv-content-item pt-cv-1-col\" ><div class='pt-cv-ifield'><a href=\"https:\/\/www.dmsjuridica.com\/buscador_20179478954\/corteconstitucionalcronologico202454587\/t-283-05\/\" class=\"_self pt-cv-href-thumbnail pt-cv-thumb-default\" target=\"_self\" ><\/a>\n<div class=\"pt-cv-taxoterm above_title\"><a href='https:\/\/www.dmsjuridica.com\/buscador_20179478954\/corteconstitucionalcronologico202454587\/category\/buscar-en-toda-la-corte\/2005\/tutelas-2005\/' title='Tutelas 2005' class='pt-cv-tax-tutelas-2005'>Tutelas 2005<\/a><\/div>\n<h4 class=\"pt-cv-title\"><a href=\"https:\/\/www.dmsjuridica.com\/buscador_20179478954\/corteconstitucionalcronologico202454587\/t-283-05\/\" class=\"_self\" target=\"_self\" >T-283-05<\/a><\/h4>\n<div class=\"pt-cv-content\">\u00a0 \u00a0 Sentencia T-283\/05 \u00a0 REUBICACION LABORAL-En una zona donde no circule aire acondicionado \u00a0 ACCION DE TUTELA-Procedencia para reclamar condiciones laborales dignas y justas \u00a0 La Corte considera que la posibilidad de modificar o alterar las condiciones de trabajo, a partir del reconocimiento de un poder subordinante en el empleador, plantea un conflicto jur\u00eddico frente al cual concurren las acciones de tipo ordinario y la acci\u00f3n de amparo constitucional, obviamente, vinculadas a la ponderaci\u00f3n y armonizaci\u00f3n de derechos constitucionales, tales como, la vida digna, la integridad personal, la libertad de empresa y el derecho al trabajo. En este orden ...<br \/><div class=\"pt-cv-rmwrap\"><a href=\"https:\/\/www.dmsjuridica.com\/buscador_20179478954\/corteconstitucionalcronologico202454587\/t-283-05\/\" class=\"_self pt-cv-readmore btn btn-success\" target=\"_self\">Ver Sentencia Completa...<\/a><\/div><\/div><\/div><\/div>\n<div class=\"col-md-12 col-sm-12 col-xs-12 pt-cv-content-item pt-cv-1-col\" ><div class='pt-cv-ifield'><a href=\"https:\/\/www.dmsjuridica.com\/buscador_20179478954\/corteconstitucionalcronologico202454587\/t-282-05\/\" class=\"_self pt-cv-href-thumbnail pt-cv-thumb-default\" target=\"_self\" ><\/a>\n<div class=\"pt-cv-taxoterm above_title\"><a href='https:\/\/www.dmsjuridica.com\/buscador_20179478954\/corteconstitucionalcronologico202454587\/category\/buscar-en-toda-la-corte\/2005\/tutelas-2005\/' title='Tutelas 2005' class='pt-cv-tax-tutelas-2005'>Tutelas 2005<\/a><\/div>\n<h4 class=\"pt-cv-title\"><a href=\"https:\/\/www.dmsjuridica.com\/buscador_20179478954\/corteconstitucionalcronologico202454587\/t-282-05\/\" class=\"_self\" target=\"_self\" >T-282-05<\/a><\/h4>\n<div class=\"pt-cv-content\">\u00a0 \u00a0 Sentencia T-282\/05 \u00a0 LEY 546 de 1999-Doctrina de la Corte Constitucional sobre el art\u00edculo 42 par\u00e1grafo 3 \u00a0 PROCESO EJECUTIVO HIPOTECARIO-Reliquidaci\u00f3n de la deuda como condici\u00f3n para dar por terminado el proceso \u00a0 PROCESO EJECUTIVO HIPOTECARIO-Terminaci\u00f3n del proceso por reliquidaci\u00f3n del cr\u00e9dito de UPAC \u00a0 VIA DE HECHO EN PROCESO EJECUTIVO-Defecto por error en la interpretaci\u00f3n de la Ley 546 de 1999\/PRECEDENTE JUDICIAL-Desconocimiento por error en la interpretaci\u00f3n del art\u00edculo 42 de la Ley 546 de 1999 \u00a0 Aquellas decisiones judiciales que ordenen continuar con el proceso alegando la ausencia de acuerdo entre el deudor y la entidad ...<br \/><div class=\"pt-cv-rmwrap\"><a href=\"https:\/\/www.dmsjuridica.com\/buscador_20179478954\/corteconstitucionalcronologico202454587\/t-282-05\/\" class=\"_self pt-cv-readmore btn btn-success\" target=\"_self\">Ver Sentencia Completa...<\/a><\/div><\/div><\/div><\/div>\n<div class=\"col-md-12 col-sm-12 col-xs-12 pt-cv-content-item pt-cv-1-col\" ><div class='pt-cv-ifield'><a href=\"https:\/\/www.dmsjuridica.com\/buscador_20179478954\/corteconstitucionalcronologico202454587\/t-280-05\/\" class=\"_self pt-cv-href-thumbnail pt-cv-thumb-default\" target=\"_self\" ><\/a>\n<div class=\"pt-cv-taxoterm above_title\"><a href='https:\/\/www.dmsjuridica.com\/buscador_20179478954\/corteconstitucionalcronologico202454587\/category\/buscar-en-toda-la-corte\/2005\/tutelas-2005\/' title='Tutelas 2005' class='pt-cv-tax-tutelas-2005'>Tutelas 2005<\/a><\/div>\n<h4 class=\"pt-cv-title\"><a href=\"https:\/\/www.dmsjuridica.com\/buscador_20179478954\/corteconstitucionalcronologico202454587\/t-280-05\/\" class=\"_self\" target=\"_self\" >T-280-05<\/a><\/h4>\n<div class=\"pt-cv-content\">\u00a0 \u00a0 Sentencia T-280\/05\u00a0 \u00a0 ACCION DE TUTELA-Inmediatez \u00a0 A\u00fan cuando no existe t\u00e9rmino de caducidad para el ejercicio de la acci\u00f3n de tutela, uno de los principios jur\u00eddicos que la rigen y que determinan su procedibilidad es el de la \"inmediatez\". Bajo este contexto, si bien el juez no puede rechazar una tutela al percatarse que ha transcurrido un largo tiempo entre la vulneraci\u00f3n del derecho y la interposici\u00f3n de la acci\u00f3n esta situaci\u00f3n s\u00ed puede ser relevante para el sentido de la decisi\u00f3n. \u00a0 En el caso sub examine, con fundamento en las razones esgrimidas por el demandante, ...<br \/><div class=\"pt-cv-rmwrap\"><a href=\"https:\/\/www.dmsjuridica.com\/buscador_20179478954\/corteconstitucionalcronologico202454587\/t-280-05\/\" class=\"_self pt-cv-readmore btn btn-success\" target=\"_self\">Ver Sentencia Completa...<\/a><\/div><\/div><\/div><\/div>\n<div class=\"col-md-12 col-sm-12 col-xs-12 pt-cv-content-item pt-cv-1-col\" ><div class='pt-cv-ifield'><a href=\"https:\/\/www.dmsjuridica.com\/buscador_20179478954\/corteconstitucionalcronologico202454587\/t-279-05\/\" class=\"_self pt-cv-href-thumbnail pt-cv-thumb-default\" target=\"_self\" ><\/a>\n<div class=\"pt-cv-taxoterm above_title\"><a href='https:\/\/www.dmsjuridica.com\/buscador_20179478954\/corteconstitucionalcronologico202454587\/category\/buscar-en-toda-la-corte\/2005\/tutelas-2005\/' title='Tutelas 2005' class='pt-cv-tax-tutelas-2005'>Tutelas 2005<\/a><\/div>\n<h4 class=\"pt-cv-title\"><a href=\"https:\/\/www.dmsjuridica.com\/buscador_20179478954\/corteconstitucionalcronologico202454587\/t-279-05\/\" class=\"_self\" target=\"_self\" >T-279-05<\/a><\/h4>\n<div class=\"pt-cv-content\">\u00a0 \u00a0 Sentencia T-279\/05 \u00a0 LICENCIA DE MATERNIDAD-Procedencia excepcional de tutela para el pago \u00a0 LICENCIA DE MATERNIDAD-Pago por tutela cuando se est\u00e1 ante el m\u00ednimo vital \u00a0 LICENCIA DE MATERNIDAD-Pago por allanamiento a la mora por EPS \u00a0 Reiteraci\u00f3n de jurisprudencia \u00a0 Referencia: expediente T-1000903 \u00a0 Acci\u00f3n de tutela instaurada por Aleida de Jes\u00fas Galvan L\u00f3pez contra el Seguro Social Seccional Magdalena.\u00a0 \u00a0 Magistrado Ponente: \u00a0 Dr. JAIME C\u00d3RDOBA TRIVI\u00d1O \u00a0 Bogot\u00e1, D. C., dieciocho (18) de marzo de dos mil cinco (2005). \u00a0 La Sala Cuarta de Revisi\u00f3n de la Corte Constitucional, en ejercicio de sus competencias constitucionales ...<br \/><div class=\"pt-cv-rmwrap\"><a href=\"https:\/\/www.dmsjuridica.com\/buscador_20179478954\/corteconstitucionalcronologico202454587\/t-279-05\/\" class=\"_self pt-cv-readmore btn btn-success\" target=\"_self\">Ver Sentencia Completa...<\/a><\/div><\/div><\/div><\/div>\n<div class=\"col-md-12 col-sm-12 col-xs-12 pt-cv-content-item pt-cv-1-col\" ><div class='pt-cv-ifield'><a href=\"https:\/\/www.dmsjuridica.com\/buscador_20179478954\/corteconstitucionalcronologico202454587\/t-277-05\/\" class=\"_self pt-cv-href-thumbnail pt-cv-thumb-default\" target=\"_self\" ><\/a>\n<div class=\"pt-cv-taxoterm above_title\"><a href='https:\/\/www.dmsjuridica.com\/buscador_20179478954\/corteconstitucionalcronologico202454587\/category\/buscar-en-toda-la-corte\/2005\/tutelas-2005\/' title='Tutelas 2005' class='pt-cv-tax-tutelas-2005'>Tutelas 2005<\/a><\/div>\n<h4 class=\"pt-cv-title\"><a href=\"https:\/\/www.dmsjuridica.com\/buscador_20179478954\/corteconstitucionalcronologico202454587\/t-277-05\/\" class=\"_self\" target=\"_self\" >T-277-05<\/a><\/h4>\n<div class=\"pt-cv-content\">\u00a0 \u00a0 Sentencia T-277\/05 \u00a0 DERECHO DE PETICION ANTE MINISTERIO DE TRANSPORTE-Solicitud de certificado de sueldos y factores salariales devengados en \u00faltimos 10 a\u00f1os \u00a0 Es claro que las peticiones se consideran consistentes, proporcionadas y jur\u00eddicamente v\u00e1lidas, en tanto que con ellas se pretende hacer valer un derecho que los accionantes consideran leg\u00edtimo como es la reliquidaci\u00f3n de su pensi\u00f3n en los t\u00e9rminos de lo establecido en el art\u00edculo 34 de la ley 100 de 1993, para lo cual se requiere acreditar en el fondo de pensiones el promedio de lo devengado en los \u00faltimos 10 a\u00f1os de servicios. Bajo ...<br \/><div class=\"pt-cv-rmwrap\"><a href=\"https:\/\/www.dmsjuridica.com\/buscador_20179478954\/corteconstitucionalcronologico202454587\/t-277-05\/\" class=\"_self pt-cv-readmore btn btn-success\" target=\"_self\">Ver Sentencia Completa...<\/a><\/div><\/div><\/div><\/div>\n<div class=\"col-md-12 col-sm-12 col-xs-12 pt-cv-content-item pt-cv-1-col\" ><div class='pt-cv-ifield'><a href=\"https:\/\/www.dmsjuridica.com\/buscador_20179478954\/corteconstitucionalcronologico202454587\/t-276-05\/\" class=\"_self pt-cv-href-thumbnail pt-cv-thumb-default\" target=\"_self\" ><\/a>\n<div class=\"pt-cv-taxoterm above_title\"><a href='https:\/\/www.dmsjuridica.com\/buscador_20179478954\/corteconstitucionalcronologico202454587\/category\/buscar-en-toda-la-corte\/2005\/tutelas-2005\/' title='Tutelas 2005' class='pt-cv-tax-tutelas-2005'>Tutelas 2005<\/a><\/div>\n<h4 class=\"pt-cv-title\"><a href=\"https:\/\/www.dmsjuridica.com\/buscador_20179478954\/corteconstitucionalcronologico202454587\/t-276-05\/\" class=\"_self\" target=\"_self\" >T-276-05<\/a><\/h4>\n<div class=\"pt-cv-content\">\u00a0 \u00a0 Sentencia T-276\/05 \u00a0 DERECHO A LA SALUD DEL MENOR-Car\u00e1cter fundamental y garant\u00eda \u00a0 TRASLADO DE USUARIOS DEL SISTEMA GENERAL DE SEGURIDAD SOCIAL EN SALUD-Tratamiento m\u00e9dico en otra ciudad\/TRASLADO DE PERSONA ENFERMA-Casos en que EPS O ARS est\u00e1n obligadas a cubrir costos del transporte \u00a0 Dentro de este grupo de servicios no incluidos en el P.O.S. se encuentra la asunci\u00f3n de los costos de traslado de los pacientes de una ciudad a otra, cuando no se cuente con el servicio de salud reclamado en la ciudad donde dicho paciente residente. Esta exclusi\u00f3n del P.O.S. esta claramente se\u00f1alada como regla ...<br \/><div class=\"pt-cv-rmwrap\"><a href=\"https:\/\/www.dmsjuridica.com\/buscador_20179478954\/corteconstitucionalcronologico202454587\/t-276-05\/\" class=\"_self pt-cv-readmore btn btn-success\" target=\"_self\">Ver Sentencia Completa...<\/a><\/div><\/div><\/div><\/div>\n<div class=\"col-md-12 col-sm-12 col-xs-12 pt-cv-content-item pt-cv-1-col\" ><div class='pt-cv-ifield'><a href=\"https:\/\/www.dmsjuridica.com\/buscador_20179478954\/corteconstitucionalcronologico202454587\/t-275-05\/\" class=\"_self pt-cv-href-thumbnail pt-cv-thumb-default\" target=\"_self\" ><\/a>\n<div class=\"pt-cv-taxoterm above_title\"><a href='https:\/\/www.dmsjuridica.com\/buscador_20179478954\/corteconstitucionalcronologico202454587\/category\/buscar-en-toda-la-corte\/2005\/tutelas-2005\/' title='Tutelas 2005' class='pt-cv-tax-tutelas-2005'>Tutelas 2005<\/a><\/div>\n<h4 class=\"pt-cv-title\"><a href=\"https:\/\/www.dmsjuridica.com\/buscador_20179478954\/corteconstitucionalcronologico202454587\/t-275-05\/\" class=\"_self\" target=\"_self\" >T-275-05<\/a><\/h4>\n<div class=\"pt-cv-content\">\u00a0 \u00a0 Sentencia T-275\/05 \u00a0 DERECHO DE PETICION-Contenido y alcance \u00a0 DERECHO DE PETICION-Solicitud de copia de historia cl\u00ednica \u00a0 HISTORIA CLINICA-Naturaleza jur\u00eddica \u00a0 DERECHO A LA INFORMACION MINIMA VITAL\/HISTORIA CLINICA Y HABEAS DATA \u00a0 ACCION DE TUTELA CONTRA PARTICULAR ENCARGADO DE PRESTACION DE SERVICIO PUBLICO DE SALUD-Procedencia para obtener informaci\u00f3n sobre ex\u00e1menes e historia cl\u00ednica \u00a0 La Corte Constitucional ha manifestado que la acci\u00f3n de tutela es procedente contra particulares cuando se cumplen los requisitos constitucionales se\u00f1alados en el art\u00edculo 86 de la Carta y los de orden legal establecidos en el art\u00edculo 42 del decreto 2591 de 1991 ...<br \/><div class=\"pt-cv-rmwrap\"><a href=\"https:\/\/www.dmsjuridica.com\/buscador_20179478954\/corteconstitucionalcronologico202454587\/t-275-05\/\" class=\"_self pt-cv-readmore btn btn-success\" target=\"_self\">Ver Sentencia Completa...<\/a><\/div><\/div><\/div><\/div>\n<div class=\"col-md-12 col-sm-12 col-xs-12 pt-cv-content-item pt-cv-1-col\" ><div class='pt-cv-ifield'><a href=\"https:\/\/www.dmsjuridica.com\/buscador_20179478954\/corteconstitucionalcronologico202454587\/t-274-05\/\" class=\"_self pt-cv-href-thumbnail pt-cv-thumb-default\" target=\"_self\" ><\/a>\n<div class=\"pt-cv-taxoterm above_title\"><a href='https:\/\/www.dmsjuridica.com\/buscador_20179478954\/corteconstitucionalcronologico202454587\/category\/buscar-en-toda-la-corte\/2005\/tutelas-2005\/' title='Tutelas 2005' class='pt-cv-tax-tutelas-2005'>Tutelas 2005<\/a><\/div>\n<h4 class=\"pt-cv-title\"><a href=\"https:\/\/www.dmsjuridica.com\/buscador_20179478954\/corteconstitucionalcronologico202454587\/t-274-05\/\" class=\"_self\" target=\"_self\" >T-274-05<\/a><\/h4>\n<div class=\"pt-cv-content\">\u00a0 \u00a0 Sentencia T-274\/05 \u00a0 DERECHO A LA UNIDAD FAMILIAR DE PERSONAS QUE SE ENCUENTRAN PRIVADAS DE LA LIBERTAD-No ha sido desconocido por el INPEC\u00a0 \u00a0 Uno de los derechos que resulta limitado con ocasi\u00f3n de la reclusi\u00f3n en un centro penitenciario es la garant\u00eda de la unidad familiar. Lo anterior por obvias razones: el derecho a la libertad de circulaci\u00f3n se encuentra ampliamente restringido, por esta raz\u00f3n, la idea de familia como comunidad de vida o como convivencia tambi\u00e9n se ve afectado.\u00a0 \u00a0 TRASLADO DE INTERNO-Improcedencia por cuanto c\u00e1rceles en las que lo solicita hay hacinamiento \u00a0 En el ...<br \/><div class=\"pt-cv-rmwrap\"><a href=\"https:\/\/www.dmsjuridica.com\/buscador_20179478954\/corteconstitucionalcronologico202454587\/t-274-05\/\" class=\"_self pt-cv-readmore btn btn-success\" target=\"_self\">Ver Sentencia Completa...<\/a><\/div><\/div><\/div><\/div>\n<div class=\"col-md-12 col-sm-12 col-xs-12 pt-cv-content-item pt-cv-1-col\" ><div class='pt-cv-ifield'><a href=\"https:\/\/www.dmsjuridica.com\/buscador_20179478954\/corteconstitucionalcronologico202454587\/t-273-05\/\" class=\"_self pt-cv-href-thumbnail pt-cv-thumb-default\" target=\"_self\" ><\/a>\n<div class=\"pt-cv-taxoterm above_title\"><a href='https:\/\/www.dmsjuridica.com\/buscador_20179478954\/corteconstitucionalcronologico202454587\/category\/buscar-en-toda-la-corte\/2005\/tutelas-2005\/' title='Tutelas 2005' class='pt-cv-tax-tutelas-2005'>Tutelas 2005<\/a><\/div>\n<h4 class=\"pt-cv-title\"><a href=\"https:\/\/www.dmsjuridica.com\/buscador_20179478954\/corteconstitucionalcronologico202454587\/t-273-05\/\" class=\"_self\" target=\"_self\" >T-273-05<\/a><\/h4>\n<div class=\"pt-cv-content\">\u00a0 \u00a0 Sentencia T-273\/05 \u00a0 LICENCIA DE MATERNIDAD-Procedencia excepcional de tutela para el pago \u00a0 LICENCIA DE MATERNIDAD-Pago por tutela cuando se est\u00e1 ante el m\u00ednimo vital \u00a0 LICENCIA DE MATERNIDAD-Pago por allanamiento a la mora por EPS \u00a0 \u00a0 Referencia: expediente T-1017750 \u00a0 Accionante: Katherine Navas Maldonado \u00a0 Procedencia: Juzgado Veintiuno Civil \u00a0 Municipal de Barranquilla \u00a0 Magistrado Ponente: \u00a0 Bogot\u00e1 D.C., diecisiete (17) de marzo de dos mil cinco (2005). \u00a0 La Sala Sexta de la Corte Constitucional, integrada por los Magistrados doctores, Humberto Sierra Porto, \u00c11varo Tafur Ga1vis y Marco Gerardo Monroy Cabra, quien la preside, en ...<br \/><div class=\"pt-cv-rmwrap\"><a href=\"https:\/\/www.dmsjuridica.com\/buscador_20179478954\/corteconstitucionalcronologico202454587\/t-273-05\/\" class=\"_self pt-cv-readmore btn btn-success\" target=\"_self\">Ver Sentencia Completa...<\/a><\/div><\/div><\/div><\/div>\n<div class=\"col-md-12 col-sm-12 col-xs-12 pt-cv-content-item pt-cv-1-col\" ><div class='pt-cv-ifield'><a href=\"https:\/\/www.dmsjuridica.com\/buscador_20179478954\/corteconstitucionalcronologico202454587\/t-272-05\/\" class=\"_self pt-cv-href-thumbnail pt-cv-thumb-default\" target=\"_self\" ><\/a>\n<div class=\"pt-cv-taxoterm above_title\"><a href='https:\/\/www.dmsjuridica.com\/buscador_20179478954\/corteconstitucionalcronologico202454587\/category\/buscar-en-toda-la-corte\/2005\/tutelas-2005\/' title='Tutelas 2005' class='pt-cv-tax-tutelas-2005'>Tutelas 2005<\/a><\/div>\n<h4 class=\"pt-cv-title\"><a href=\"https:\/\/www.dmsjuridica.com\/buscador_20179478954\/corteconstitucionalcronologico202454587\/t-272-05\/\" class=\"_self\" target=\"_self\" >T-272-05<\/a><\/h4>\n<div class=\"pt-cv-content\">\u00a0 \u00a0 Sentencia T-272\/05 \u00a0 DERECHO A LA TUTELA JUDICIAL EFECTIVA EN ACCION DE TUTELA-Fundamental \u00a0 Primero, en la medida en que la tutela procede contra cualquier autoridad p\u00fablica los autos que inadmiten la casaci\u00f3n, como actuaciones producidas por una autoridad p\u00fablica como lo es Corte Suprema de Justicia, son revisables por v\u00eda de tutela. Segundo, en virtud de que nuestro Estado constitucional garantiza el acceso a la justicia y a la tutela judicial efectiva como fundamentos del mismo, el conocimiento de acciones de tutela interpuestas contra providencias judiciales de las Altas Corporaciones cuando \u00e9stas las rechazan del plano y ...<br \/><div class=\"pt-cv-rmwrap\"><a href=\"https:\/\/www.dmsjuridica.com\/buscador_20179478954\/corteconstitucionalcronologico202454587\/t-272-05\/\" class=\"_self pt-cv-readmore btn btn-success\" target=\"_self\">Ver Sentencia Completa...<\/a><\/div><\/div><\/div><\/div>\n<div class=\"col-md-12 col-sm-12 col-xs-12 pt-cv-content-item pt-cv-1-col\" ><div class='pt-cv-ifield'><a href=\"https:\/\/www.dmsjuridica.com\/buscador_20179478954\/corteconstitucionalcronologico202454587\/t-271-05\/\" class=\"_self pt-cv-href-thumbnail pt-cv-thumb-default\" target=\"_self\" ><\/a>\n<div class=\"pt-cv-taxoterm above_title\"><a href='https:\/\/www.dmsjuridica.com\/buscador_20179478954\/corteconstitucionalcronologico202454587\/category\/buscar-en-toda-la-corte\/2005\/tutelas-2005\/' title='Tutelas 2005' class='pt-cv-tax-tutelas-2005'>Tutelas 2005<\/a><\/div>\n<h4 class=\"pt-cv-title\"><a href=\"https:\/\/www.dmsjuridica.com\/buscador_20179478954\/corteconstitucionalcronologico202454587\/t-271-05\/\" class=\"_self\" target=\"_self\" >T-271-05<\/a><\/h4>\n<div class=\"pt-cv-content\">\u00a0 \u00a0 Sentencia T-271\/05 \u00a0 LICENCIA DE MATERNIDAD-Procedencia excepcional de tutela para el pago \u00a0 LICENCIA DE MATERNIDAD-Pago por tutela cuando se est\u00e1 ante el m\u00ednimo vital \u00a0 LICENCIA DE MATERNIDAD-T\u00e9rmino para solicitar pago dentro del a\u00f1o siguiente al nacimiento del ni\u00f1o \u00a0 LICENCIA DE MATERNIDAD-Pago por allanamiento a la mora por EPS \u00a0 Referencia: expediente T-1007865 \u00a0 Acci\u00f3n de tutela instaurada por Mar\u00eda Clara Castillo Pe\u00f1a contra COMPENSAR EPS \u00a0 Magistrado Ponente: \u00a0 Dr. ALVARO TAFUR GALVIS \u00a0 Bogot\u00e1, D.C., diecisiete (17) de marzo de dos mil cinco (2005). \u00a0 La Sala Octava de Revisi\u00f3n de la Corte Constitucional, ...<br \/><div class=\"pt-cv-rmwrap\"><a href=\"https:\/\/www.dmsjuridica.com\/buscador_20179478954\/corteconstitucionalcronologico202454587\/t-271-05\/\" class=\"_self pt-cv-readmore btn btn-success\" target=\"_self\">Ver Sentencia Completa...<\/a><\/div><\/div><\/div><\/div>\n<div class=\"col-md-12 col-sm-12 col-xs-12 pt-cv-content-item pt-cv-1-col\" ><div class='pt-cv-ifield'><a href=\"https:\/\/www.dmsjuridica.com\/buscador_20179478954\/corteconstitucionalcronologico202454587\/t-270-05\/\" class=\"_self pt-cv-href-thumbnail pt-cv-thumb-default\" target=\"_self\" ><\/a>\n<div class=\"pt-cv-taxoterm above_title\"><a href='https:\/\/www.dmsjuridica.com\/buscador_20179478954\/corteconstitucionalcronologico202454587\/category\/buscar-en-toda-la-corte\/2005\/tutelas-2005\/' title='Tutelas 2005' class='pt-cv-tax-tutelas-2005'>Tutelas 2005<\/a><\/div>\n<h4 class=\"pt-cv-title\"><a href=\"https:\/\/www.dmsjuridica.com\/buscador_20179478954\/corteconstitucionalcronologico202454587\/t-270-05\/\" class=\"_self\" target=\"_self\" >T-270-05<\/a><\/h4>\n<div class=\"pt-cv-content\">\u00a0 \u00a0 Sentencia T-270\/05 \u00a0 DERECHO A LA SALUD-Fundamental por conexidad con la vida \u00a0 PRINCIPIO DE CONTINUIDAD EN EL SERVICIO DE SALUD-Caso en que EPS entra en liquidaci\u00f3n \u00a0 No cabe duda que cuando una EPS entra en liquidaci\u00f3n debe asegurar la continuidad en la prestaci\u00f3n de los servicios m\u00e9dicos de sus afiliados, hasta que su traslado a otra EPS se haya hecho efectivo y opere en t\u00e9rminos reales, con el fin de respetar los principios de eficiencia, universalidad y solidaridad que rigen para la prestaci\u00f3n del servicio p\u00fablico de salud. Corresponde a la EPS a la que est\u00e1 ...<br \/><div class=\"pt-cv-rmwrap\"><a href=\"https:\/\/www.dmsjuridica.com\/buscador_20179478954\/corteconstitucionalcronologico202454587\/t-270-05\/\" class=\"_self pt-cv-readmore btn btn-success\" target=\"_self\">Ver Sentencia Completa...<\/a><\/div><\/div><\/div><\/div>\n<div class=\"col-md-12 col-sm-12 col-xs-12 pt-cv-content-item pt-cv-1-col\" ><div class='pt-cv-ifield'><a href=\"https:\/\/www.dmsjuridica.com\/buscador_20179478954\/corteconstitucionalcronologico202454587\/t-269-05\/\" class=\"_self pt-cv-href-thumbnail pt-cv-thumb-default\" target=\"_self\" ><\/a>\n<div class=\"pt-cv-taxoterm above_title\"><a href='https:\/\/www.dmsjuridica.com\/buscador_20179478954\/corteconstitucionalcronologico202454587\/category\/buscar-en-toda-la-corte\/2005\/tutelas-2005\/' title='Tutelas 2005' class='pt-cv-tax-tutelas-2005'>Tutelas 2005<\/a><\/div>\n<h4 class=\"pt-cv-title\"><a href=\"https:\/\/www.dmsjuridica.com\/buscador_20179478954\/corteconstitucionalcronologico202454587\/t-269-05\/\" class=\"_self\" target=\"_self\" >T-269-05<\/a><\/h4>\n<div class=\"pt-cv-content\">DERECHO A LA SALUD-Inicio tratamiento de alto costo por EPS sin cumplir periodo m\u00ednimo de cotizaci\u00f3n \u00a0 Esta Corporaci\u00f3n advierte que el usuario del Plan Obligatorio de Salud del R\u00e9gimen Contributivo que requiere atenci\u00f3n m\u00e9dica por una enfermedad cuyo tratamiento sea de alto costo, y no cumpla con el per\u00edodo m\u00ednimo de cotizaci\u00f3n, deber\u00e1 ser atendido por la entidad de salud a la que est\u00e9 afiliado independientemente de su capacidad de pago, pero condicionado a que el paciente pague los servicios prestados de acuerdo al porcentaje cotizado a la E.P.S. asuma el valor total de la prestaci\u00f3n por derecho a ...<br \/><div class=\"pt-cv-rmwrap\"><a href=\"https:\/\/www.dmsjuridica.com\/buscador_20179478954\/corteconstitucionalcronologico202454587\/t-269-05\/\" class=\"_self pt-cv-readmore btn btn-success\" target=\"_self\">Ver Sentencia Completa...<\/a><\/div><\/div><\/div><\/div>\n<div class=\"col-md-12 col-sm-12 col-xs-12 pt-cv-content-item pt-cv-1-col\" ><div class='pt-cv-ifield'><a href=\"https:\/\/www.dmsjuridica.com\/buscador_20179478954\/corteconstitucionalcronologico202454587\/t-268-05\/\" class=\"_self pt-cv-href-thumbnail pt-cv-thumb-default\" target=\"_self\" ><\/a>\n<div class=\"pt-cv-taxoterm above_title\"><a href='https:\/\/www.dmsjuridica.com\/buscador_20179478954\/corteconstitucionalcronologico202454587\/category\/buscar-en-toda-la-corte\/2005\/tutelas-2005\/' title='Tutelas 2005' class='pt-cv-tax-tutelas-2005'>Tutelas 2005<\/a><\/div>\n<h4 class=\"pt-cv-title\"><a href=\"https:\/\/www.dmsjuridica.com\/buscador_20179478954\/corteconstitucionalcronologico202454587\/t-268-05\/\" class=\"_self\" target=\"_self\" >T-268-05<\/a><\/h4>\n<div class=\"pt-cv-content\">\u00a0 \u00a0 Sentencia T-268\/05 \u00a0 NOTA DE LA RELATORIA : ESTA SENTENCIA FUE ANULADA MEDIANTE AUTO 097\/05, QUE SE INCLUYE AL FINAL\u00a0 \u00a0 ALCALDE LOCAL DE BOGOTA-Nombramiento por el Alcalde Mayor de terna elaborada por la JAL\/CONCURSO DE MERITOS-Car\u00e1cter vinculante para el nominador \u00a0 Es claro que queda descartada la posibilidad de que los alcaldes locales sean designados a trav\u00e9s de concurso de m\u00e9ritos, pues, como qued\u00f3 visto, es condici\u00f3n sine qua non para su aplicaci\u00f3n que el cargo p\u00fablico no tenga establecido sistema de nombramiento en la Constituci\u00f3n o en la ley. No obstante, frente a los cargos exceptuados ...<br \/><div class=\"pt-cv-rmwrap\"><a href=\"https:\/\/www.dmsjuridica.com\/buscador_20179478954\/corteconstitucionalcronologico202454587\/t-268-05\/\" class=\"_self pt-cv-readmore btn btn-success\" target=\"_self\">Ver Sentencia Completa...<\/a><\/div><\/div><\/div><\/div>\n<div class=\"col-md-12 col-sm-12 col-xs-12 pt-cv-content-item pt-cv-1-col\" ><div class='pt-cv-ifield'><a href=\"https:\/\/www.dmsjuridica.com\/buscador_20179478954\/corteconstitucionalcronologico202454587\/t-267-05\/\" class=\"_self pt-cv-href-thumbnail pt-cv-thumb-default\" target=\"_self\" ><\/a>\n<div class=\"pt-cv-taxoterm above_title\"><a href='https:\/\/www.dmsjuridica.com\/buscador_20179478954\/corteconstitucionalcronologico202454587\/category\/buscar-en-toda-la-corte\/2005\/tutelas-2005\/' title='Tutelas 2005' class='pt-cv-tax-tutelas-2005'>Tutelas 2005<\/a><\/div>\n<h4 class=\"pt-cv-title\"><a href=\"https:\/\/www.dmsjuridica.com\/buscador_20179478954\/corteconstitucionalcronologico202454587\/t-267-05\/\" class=\"_self\" target=\"_self\" >T-267-05<\/a><\/h4>\n<div class=\"pt-cv-content\">\u00a0 \u00a0 Sentencia T-267\/05 \u00a0 INSUBSISTENCIA EN CARGO EN PROVISIONALIDAD DE LA FISCALIA GENERAL DE LA NACION-Procedencia de tutela \u00a0 DERECHO A LA ESTABILIDAD LABORAL-Cargos de carrera administrativa\/DERECHO A LA ESTABILIDAD LABORAL-No se reduce por ocupar cargo de carrera administrativa en provisionalidad cuando no se ha hecho concurso \u00a0 DEBIDO PROCESO ADMINISTRATIVO-Vulneraci\u00f3n por no motivaci\u00f3n de acto de retiro del servicio \u00a0 Referencia: expediente T-1013512. \u00a0 Acci\u00f3n de tutela instaurada por Blanca In\u00e9s Castro Silgado, en su propio nombre y en representaci\u00f3n de su menor hijo Vicente Manuel Molina Castro, contra el Fiscal General de la Naci\u00f3n. \u00a0 Magistrado Ponente: ...<br \/><div class=\"pt-cv-rmwrap\"><a href=\"https:\/\/www.dmsjuridica.com\/buscador_20179478954\/corteconstitucionalcronologico202454587\/t-267-05\/\" class=\"_self pt-cv-readmore btn btn-success\" target=\"_self\">Ver Sentencia Completa...<\/a><\/div><\/div><\/div><\/div>\n<div class=\"col-md-12 col-sm-12 col-xs-12 pt-cv-content-item pt-cv-1-col\" ><div class='pt-cv-ifield'><a href=\"https:\/\/www.dmsjuridica.com\/buscador_20179478954\/corteconstitucionalcronologico202454587\/t-266-05\/\" class=\"_self pt-cv-href-thumbnail pt-cv-thumb-default\" target=\"_self\" ><\/a>\n<div class=\"pt-cv-taxoterm above_title\"><a href='https:\/\/www.dmsjuridica.com\/buscador_20179478954\/corteconstitucionalcronologico202454587\/category\/buscar-en-toda-la-corte\/2005\/tutelas-2005\/' title='Tutelas 2005' class='pt-cv-tax-tutelas-2005'>Tutelas 2005<\/a><\/div>\n<h4 class=\"pt-cv-title\"><a href=\"https:\/\/www.dmsjuridica.com\/buscador_20179478954\/corteconstitucionalcronologico202454587\/t-266-05\/\" class=\"_self\" target=\"_self\" >T-266-05<\/a><\/h4>\n<div class=\"pt-cv-content\">\u00a0 \u00a0 Sentencia T-266\/05 \u00a0 DEBIDO PROCESO-Garant\u00edas m\u00ednimas que consagra este derecho \u00a0 Las garant\u00edas m\u00ednimas que este derecho consagra son: \u00a0i) el derecho de acceso a la administraci\u00f3n de justicia ante el Juez natural de la causa; ii) el derecho a que se le comunique aquellas actuaciones que conduzcan a la creaci\u00f3n, modificaci\u00f3n o extinci\u00f3n de un derecho o a la imposici\u00f3n de una multa o sanci\u00f3n; iii) el derecho a expresar en forma libre las opiniones; iv) el derecho a contradecir pretensiones o excepciones propuestas; \u00a0v) el derecho a que los procesos se efect\u00faen en un plazo razonable ...<br \/><div class=\"pt-cv-rmwrap\"><a href=\"https:\/\/www.dmsjuridica.com\/buscador_20179478954\/corteconstitucionalcronologico202454587\/t-266-05\/\" class=\"_self pt-cv-readmore btn btn-success\" target=\"_self\">Ver Sentencia Completa...<\/a><\/div><\/div><\/div><\/div>\n<div class=\"col-md-12 col-sm-12 col-xs-12 pt-cv-content-item pt-cv-1-col\" ><div class='pt-cv-ifield'><a href=\"https:\/\/www.dmsjuridica.com\/buscador_20179478954\/corteconstitucionalcronologico202454587\/t-265-05\/\" class=\"_self pt-cv-href-thumbnail pt-cv-thumb-default\" target=\"_self\" ><\/a>\n<div class=\"pt-cv-taxoterm above_title\"><a href='https:\/\/www.dmsjuridica.com\/buscador_20179478954\/corteconstitucionalcronologico202454587\/category\/buscar-en-toda-la-corte\/2005\/tutelas-2005\/' title='Tutelas 2005' class='pt-cv-tax-tutelas-2005'>Tutelas 2005<\/a><\/div>\n<h4 class=\"pt-cv-title\"><a href=\"https:\/\/www.dmsjuridica.com\/buscador_20179478954\/corteconstitucionalcronologico202454587\/t-265-05\/\" class=\"_self\" target=\"_self\" >T-265-05<\/a><\/h4>\n<div class=\"pt-cv-content\">\u00a0 \u00a0 Sentencia T-265\/05 \u00a0 DERECHO A LA SALUD DEL MENOR-Protecci\u00f3n reforzada \u00a0 El estado colombiano no s\u00f3lo debe garantizar la prestaci\u00f3n de un adecuado sistema de seguridad social en salud para cubrir las necesidades de los menores, sino que debe impedir que a trav\u00e9s de sus \u00f3rganos, bien sean estos del poder central o las entidades territoriales, o de los particulares en los que el Estado ha delegado la funci\u00f3n de brindar el servicio de salud , se ponga en riesgo o se viole tan preciado derecho. Ello, se reitera, por considerar que el ni\u00f1o forma parte de aquel ...<br \/><div class=\"pt-cv-rmwrap\"><a href=\"https:\/\/www.dmsjuridica.com\/buscador_20179478954\/corteconstitucionalcronologico202454587\/t-265-05\/\" class=\"_self pt-cv-readmore btn btn-success\" target=\"_self\">Ver Sentencia Completa...<\/a><\/div><\/div><\/div><\/div>\n<div class=\"col-md-12 col-sm-12 col-xs-12 pt-cv-content-item pt-cv-1-col\" ><div class='pt-cv-ifield'><a href=\"https:\/\/www.dmsjuridica.com\/buscador_20179478954\/corteconstitucionalcronologico202454587\/t-264-05\/\" class=\"_self pt-cv-href-thumbnail pt-cv-thumb-default\" target=\"_self\" ><\/a>\n<div class=\"pt-cv-taxoterm above_title\"><a href='https:\/\/www.dmsjuridica.com\/buscador_20179478954\/corteconstitucionalcronologico202454587\/category\/buscar-en-toda-la-corte\/2005\/tutelas-2005\/' title='Tutelas 2005' class='pt-cv-tax-tutelas-2005'>Tutelas 2005<\/a><\/div>\n<h4 class=\"pt-cv-title\"><a href=\"https:\/\/www.dmsjuridica.com\/buscador_20179478954\/corteconstitucionalcronologico202454587\/t-264-05\/\" class=\"_self\" target=\"_self\" >T-264-05<\/a><\/h4>\n<div class=\"pt-cv-content\">\u00a0 \u00a0 Sentencia T-264\/05 \u00a0 TRASLADO LABORAL-Condiciones para que proceda tutela \u00a0 El amparo constitucional ser\u00e1 procedente cuando se encuentra que el acto de traslado es ostensiblemente arbitrario y adicionalmente, se cumple alguno de los siguientes supuestos: \u201c(1) que el traslado tenga como consecuencia necesaria la afectaci\u00f3n de la salud del servidor p\u00fablico o de alguno de los miembros de su n\u00facleo familiar, especialmente porque en la localidad de destino no existan condiciones adecuadas para brindarle el cuidado m\u00e9dico requerido; (2) cuando la decisi\u00f3n de trasladar al trabajador es intempestiva y arbitraria y tiene como consecuencia necesaria la ruptura del ...<br \/><div class=\"pt-cv-rmwrap\"><a href=\"https:\/\/www.dmsjuridica.com\/buscador_20179478954\/corteconstitucionalcronologico202454587\/t-264-05\/\" class=\"_self pt-cv-readmore btn btn-success\" target=\"_self\">Ver Sentencia Completa...<\/a><\/div><\/div><\/div><\/div>\n<div class=\"col-md-12 col-sm-12 col-xs-12 pt-cv-content-item pt-cv-1-col\" ><div class='pt-cv-ifield'><a href=\"https:\/\/www.dmsjuridica.com\/buscador_20179478954\/corteconstitucionalcronologico202454587\/t-263-05\/\" class=\"_self pt-cv-href-thumbnail pt-cv-thumb-default\" target=\"_self\" ><\/a>\n<div class=\"pt-cv-taxoterm above_title\"><a href='https:\/\/www.dmsjuridica.com\/buscador_20179478954\/corteconstitucionalcronologico202454587\/category\/buscar-en-toda-la-corte\/2005\/tutelas-2005\/' title='Tutelas 2005' class='pt-cv-tax-tutelas-2005'>Tutelas 2005<\/a><\/div>\n<h4 class=\"pt-cv-title\"><a href=\"https:\/\/www.dmsjuridica.com\/buscador_20179478954\/corteconstitucionalcronologico202454587\/t-263-05\/\" class=\"_self\" target=\"_self\" >T-263-05<\/a><\/h4>\n<div class=\"pt-cv-content\">\u00a0 \u00a0 Sentencia T-263\/05 \u00a0 GRAVAMEN HIPOTECARIO-Controversia sobre el levantamiento entre el BCH y Granahorrar no puede afectar a particular que cancel\u00f3 obligaci\u00f3n \u00a0 GRAVAMEN HIPOTECARIO-Debe levantarse por cuanto obligaci\u00f3n se extingui\u00f3\/GRANAHORRAR-Fue el cesionario del cr\u00e9dito hipotecario y asumi\u00f3 totalidad de las obligaciones\/GRAVAMEN HIPOTECARIO-Transferencia de Tes no es \u00f3bice para el levantamiento\/DEBIDO PROCESO-Vulneraci\u00f3n por Granahorrar por no levantar hipoteca \u00a0 Si bien en el asunto que se debate el Banco acreedor no ha aplicado la reversi\u00f3n del alivio, resulta claro que esa entidad admite la extinci\u00f3n de la obligaci\u00f3n a cargo del deudor. As\u00ed, pues, est\u00e1 en mora de proceder ...<br \/><div class=\"pt-cv-rmwrap\"><a href=\"https:\/\/www.dmsjuridica.com\/buscador_20179478954\/corteconstitucionalcronologico202454587\/t-263-05\/\" class=\"_self pt-cv-readmore btn btn-success\" target=\"_self\">Ver Sentencia Completa...<\/a><\/div><\/div><\/div><\/div>\n<div class=\"col-md-12 col-sm-12 col-xs-12 pt-cv-content-item pt-cv-1-col\" ><div class='pt-cv-ifield'><a href=\"https:\/\/www.dmsjuridica.com\/buscador_20179478954\/corteconstitucionalcronologico202454587\/t-262-05\/\" class=\"_self pt-cv-href-thumbnail pt-cv-thumb-default\" target=\"_self\" ><\/a>\n<div class=\"pt-cv-taxoterm above_title\"><a href='https:\/\/www.dmsjuridica.com\/buscador_20179478954\/corteconstitucionalcronologico202454587\/category\/buscar-en-toda-la-corte\/2005\/tutelas-2005\/' title='Tutelas 2005' class='pt-cv-tax-tutelas-2005'>Tutelas 2005<\/a><\/div>\n<h4 class=\"pt-cv-title\"><a href=\"https:\/\/www.dmsjuridica.com\/buscador_20179478954\/corteconstitucionalcronologico202454587\/t-262-05\/\" class=\"_self\" target=\"_self\" >T-262-05<\/a><\/h4>\n<div class=\"pt-cv-content\">\u00a0 \u00a0 Sentencia T-262\/05 \u00a0 DERECHO A LA SALUD DEL ENFERMO DE SIDA-Suministro de medicamentos incorporados en el POS por el Acuerdo 282 de 2004 \u00a0 La jurisprudencia de esta Corporaci\u00f3n en m\u00faltiples ocasiones se ha referido al suministro de medicamentos a personas portadoras del V.I.H., como a la realizaci\u00f3n \u00a0de ex\u00e1menes m\u00e9dicos y la atenci\u00f3n en general. En este sentido, se ha considerado que el V.I.H. \u2013 SIDA, constituye una enfermedad catastr\u00f3fica \u00a0que produce un acelerado deterioro en el estado de salud de las personas que la padecen y, consecuentemente, el riesgo de muerte de los pacientes se incrementa ...<br \/><div class=\"pt-cv-rmwrap\"><a href=\"https:\/\/www.dmsjuridica.com\/buscador_20179478954\/corteconstitucionalcronologico202454587\/t-262-05\/\" class=\"_self pt-cv-readmore btn btn-success\" target=\"_self\">Ver Sentencia Completa...<\/a><\/div><\/div><\/div><\/div>\n<div class=\"col-md-12 col-sm-12 col-xs-12 pt-cv-content-item pt-cv-1-col\" ><div class='pt-cv-ifield'><a href=\"https:\/\/www.dmsjuridica.com\/buscador_20179478954\/corteconstitucionalcronologico202454587\/t-261-05\/\" class=\"_self pt-cv-href-thumbnail pt-cv-thumb-default\" target=\"_self\" ><\/a>\n<div class=\"pt-cv-taxoterm above_title\"><a href='https:\/\/www.dmsjuridica.com\/buscador_20179478954\/corteconstitucionalcronologico202454587\/category\/buscar-en-toda-la-corte\/2005\/tutelas-2005\/' title='Tutelas 2005' class='pt-cv-tax-tutelas-2005'>Tutelas 2005<\/a><\/div>\n<h4 class=\"pt-cv-title\"><a href=\"https:\/\/www.dmsjuridica.com\/buscador_20179478954\/corteconstitucionalcronologico202454587\/t-261-05\/\" class=\"_self\" target=\"_self\" >T-261-05<\/a><\/h4>\n<div class=\"pt-cv-content\">\u00a0 \u00a0 Sentencia T-261\/05 \u00a0 DERECHO A LA IGUALDAD-Diferencias entre medidas que implican un trato discriminatorio y las que se basan en circunstancias objetivas y razonables \u00a0 La jurisprudencia constitucional ha diferenciado entre aquellas medidas que implican un trato discriminatorio y aquellas que, aunque prescriben un trato desigual, se basan en circunstancias objetivas y razonables y por tanto se ajustan a la constituci\u00f3n; indicando que para la adopci\u00f3n de estas \u00faltimas deben estar presentes los siguientes presupuestos: (i) que los sujetos del trato desigual se encuentren efectivamente en distinta situaci\u00f3n de hecho; (ii) que dicho trato tenga una finalidad razonable, ...<br \/><div class=\"pt-cv-rmwrap\"><a href=\"https:\/\/www.dmsjuridica.com\/buscador_20179478954\/corteconstitucionalcronologico202454587\/t-261-05\/\" class=\"_self pt-cv-readmore btn btn-success\" target=\"_self\">Ver Sentencia Completa...<\/a><\/div><\/div><\/div><\/div>\n<div class=\"col-md-12 col-sm-12 col-xs-12 pt-cv-content-item pt-cv-1-col\" ><div class='pt-cv-ifield'><a href=\"https:\/\/www.dmsjuridica.com\/buscador_20179478954\/corteconstitucionalcronologico202454587\/t-260-05\/\" class=\"_self pt-cv-href-thumbnail pt-cv-thumb-default\" target=\"_self\" ><\/a>\n<div class=\"pt-cv-taxoterm above_title\"><a href='https:\/\/www.dmsjuridica.com\/buscador_20179478954\/corteconstitucionalcronologico202454587\/category\/buscar-en-toda-la-corte\/2005\/tutelas-2005\/' title='Tutelas 2005' class='pt-cv-tax-tutelas-2005'>Tutelas 2005<\/a><\/div>\n<h4 class=\"pt-cv-title\"><a href=\"https:\/\/www.dmsjuridica.com\/buscador_20179478954\/corteconstitucionalcronologico202454587\/t-260-05\/\" class=\"_self\" target=\"_self\" >T-260-05<\/a><\/h4>\n<div class=\"pt-cv-content\">\u00a0 \u00a0 Sentencia T-260\/05 \u00a0 ACCION DE TUTELA-Hecho superado por respuesta a petici\u00f3n de reconocimiento y pago de indemnizaci\u00f3n \u00a0 Referencia: expediente T-1009071 \u00a0 Acci\u00f3n de tutela instaurada por Jos\u00e9 Alfredo S\u00e1nchez Pe\u00f1a contra la Polic\u00eda Nacional. \u00a0 Magistrado Ponente: \u00a0 Dr. JAIME ARA\u00daJO RENTER\u00cdA \u00a0 Bogot\u00e1 D.C., diecisiete (17) de marzo de dos mil cinco (2005). \u00a0 La Sala Primera de Revisi\u00f3n de la Corte Constitucional, integrada por los Magistrados ALFREDO BELTR\u00c1N SIERRA, MANUEL JOS\u00c9 CEPEDA \u00a0ESPINOSA y JAIME ARA\u00daJO RENTER\u00cdA, en ejercicio de sus competencias constitucionales y legales, ha proferido la siguiente \u00a0 SENTENCIA \u00a0 que pone fin ...<br \/><div class=\"pt-cv-rmwrap\"><a href=\"https:\/\/www.dmsjuridica.com\/buscador_20179478954\/corteconstitucionalcronologico202454587\/t-260-05\/\" class=\"_self pt-cv-readmore btn btn-success\" target=\"_self\">Ver Sentencia Completa...<\/a><\/div><\/div><\/div><\/div>\n<div class=\"col-md-12 col-sm-12 col-xs-12 pt-cv-content-item pt-cv-1-col\" ><div class='pt-cv-ifield'><a href=\"https:\/\/www.dmsjuridica.com\/buscador_20179478954\/corteconstitucionalcronologico202454587\/t-259-05\/\" class=\"_self pt-cv-href-thumbnail pt-cv-thumb-default\" target=\"_self\" ><\/a>\n<div class=\"pt-cv-taxoterm above_title\"><a href='https:\/\/www.dmsjuridica.com\/buscador_20179478954\/corteconstitucionalcronologico202454587\/category\/buscar-en-toda-la-corte\/2005\/tutelas-2005\/' title='Tutelas 2005' class='pt-cv-tax-tutelas-2005'>Tutelas 2005<\/a><\/div>\n<h4 class=\"pt-cv-title\"><a href=\"https:\/\/www.dmsjuridica.com\/buscador_20179478954\/corteconstitucionalcronologico202454587\/t-259-05\/\" class=\"_self\" target=\"_self\" >T-259-05<\/a><\/h4>\n<div class=\"pt-cv-content\">\u00a0 \u00a0 Sentencia T-259\/05 \u00a0 DERECHO DE PETICION-Vulneraci\u00f3n por no responder solicitud de reajuste pensional\/DERECHO DE PETICION-Resoluci\u00f3n de fondo sobre reajuste de pensi\u00f3n \u00a0 DERECHO DE PETICION EN MATERIA PENSIONAL-T\u00e9rminos \u00a0 Referencia: expediente T-1006561 \u00a0 Acci\u00f3n de tutela formulada por Miguel Rubiano Alem\u00e1n Porras contra el Instituto de los Seguros Sociales (ISS) Seccional Bol\u00edvar. \u00a0 Magistrado Ponente: \u00a0 Dr. JAIME ARA\u00daJO RENTER\u00cdA \u00a0 Bogot\u00e1, D. C., diecisiete (17) de marzo de dos mil cinco (2005). \u00a0 La Sala Primera de Revisi\u00f3n de la Corte Constitucional, integrada por los Magistrados ALFREDO BELTR\u00c1N SIERRA, MANUEL JOS\u00c9 CEPEDA ESPINOSA y JAIME ARA\u00daJO RENTER\u00cdA, ...<br \/><div class=\"pt-cv-rmwrap\"><a href=\"https:\/\/www.dmsjuridica.com\/buscador_20179478954\/corteconstitucionalcronologico202454587\/t-259-05\/\" class=\"_self pt-cv-readmore btn btn-success\" target=\"_self\">Ver Sentencia Completa...<\/a><\/div><\/div><\/div><\/div>\n<div class=\"col-md-12 col-sm-12 col-xs-12 pt-cv-content-item pt-cv-1-col\" ><div class='pt-cv-ifield'><a href=\"https:\/\/www.dmsjuridica.com\/buscador_20179478954\/corteconstitucionalcronologico202454587\/t-258-05\/\" class=\"_self pt-cv-href-thumbnail pt-cv-thumb-default\" target=\"_self\" ><\/a>\n<div class=\"pt-cv-taxoterm above_title\"><a href='https:\/\/www.dmsjuridica.com\/buscador_20179478954\/corteconstitucionalcronologico202454587\/category\/buscar-en-toda-la-corte\/2005\/tutelas-2005\/' title='Tutelas 2005' class='pt-cv-tax-tutelas-2005'>Tutelas 2005<\/a><\/div>\n<h4 class=\"pt-cv-title\"><a href=\"https:\/\/www.dmsjuridica.com\/buscador_20179478954\/corteconstitucionalcronologico202454587\/t-258-05\/\" class=\"_self\" target=\"_self\" >T-258-05<\/a><\/h4>\n<div class=\"pt-cv-content\">\u00a0 \u00a0 Sentencia T-258\/05 \u00a0 LEY 546 de 1999 EN MATERIA DE VIVIENDA-Doctrina de la Corte Constitucional sobre el art\u00edculo 42 par\u00e1grafo 3 \u00a0 En concreto frente al par\u00e1grafo 3\u00ba del art\u00edculo, la Sala Plena de la Corporaci\u00f3n precis\u00f3 que a su juicio no exist\u00eda quebranto de mandato constitucional alguno por el hecho de prever la suspensi\u00f3n de los procesos judiciales en cuanto a deudores cuyas obligaciones se encuentran vencidas, pues resultaba evidente que si la situaci\u00f3n general objeto de regulaci\u00f3n no era otra que la de una extendida imposibilidad de pago, m\u00e1s por el colapso del sistema que por ...<br \/><div class=\"pt-cv-rmwrap\"><a href=\"https:\/\/www.dmsjuridica.com\/buscador_20179478954\/corteconstitucionalcronologico202454587\/t-258-05\/\" class=\"_self pt-cv-readmore btn btn-success\" target=\"_self\">Ver Sentencia Completa...<\/a><\/div><\/div><\/div><\/div>\n<div class=\"col-md-12 col-sm-12 col-xs-12 pt-cv-content-item pt-cv-1-col\" ><div class='pt-cv-ifield'><a href=\"https:\/\/www.dmsjuridica.com\/buscador_20179478954\/corteconstitucionalcronologico202454587\/t-257-05\/\" class=\"_self pt-cv-href-thumbnail pt-cv-thumb-default\" target=\"_self\" ><\/a>\n<div class=\"pt-cv-taxoterm above_title\"><a href='https:\/\/www.dmsjuridica.com\/buscador_20179478954\/corteconstitucionalcronologico202454587\/category\/buscar-en-toda-la-corte\/2005\/tutelas-2005\/' title='Tutelas 2005' class='pt-cv-tax-tutelas-2005'>Tutelas 2005<\/a><\/div>\n<h4 class=\"pt-cv-title\"><a href=\"https:\/\/www.dmsjuridica.com\/buscador_20179478954\/corteconstitucionalcronologico202454587\/t-257-05\/\" class=\"_self\" target=\"_self\" >T-257-05<\/a><\/h4>\n<div class=\"pt-cv-content\">DERECHO DE PETICION EN MATERIA PENSIONAL-T\u00e9rminos\/PENSION DE SOBREVIVIENTES-T\u00e9rmino de dos meses para resolver reconocimiento \u00a0 En materia pensional los operadores de pensiones, sean p\u00fablicos o privados, cuentan con un t\u00e9rmino m\u00e1ximo de 4 meses para resolver de fondo las peticiones relacionadas con reconocimiento de pensi\u00f3n o reajuste, revisi\u00f3n o reliquidaci\u00f3n de las mismas, a fin de que dentro de dicho t\u00e9rmino realicen las gestiones necesarias para resolver de manera efectiva o adecuada las solicitudes. No obstante, dentro de los 15 d\u00edas siguientes a la presentaci\u00f3n, el mismo operador debe comunicar al peticionario la informaci\u00f3n que \u00e9ste haya solicitado en torno ...<br \/><div class=\"pt-cv-rmwrap\"><a href=\"https:\/\/www.dmsjuridica.com\/buscador_20179478954\/corteconstitucionalcronologico202454587\/t-257-05\/\" class=\"_self pt-cv-readmore btn btn-success\" target=\"_self\">Ver Sentencia Completa...<\/a><\/div><\/div><\/div><\/div>\n<div class=\"col-md-12 col-sm-12 col-xs-12 pt-cv-content-item pt-cv-1-col\" ><div class='pt-cv-ifield'><a href=\"https:\/\/www.dmsjuridica.com\/buscador_20179478954\/corteconstitucionalcronologico202454587\/t-256-05\/\" class=\"_self pt-cv-href-thumbnail pt-cv-thumb-default\" target=\"_self\" ><\/a>\n<div class=\"pt-cv-taxoterm above_title\"><a href='https:\/\/www.dmsjuridica.com\/buscador_20179478954\/corteconstitucionalcronologico202454587\/category\/buscar-en-toda-la-corte\/2005\/tutelas-2005\/' title='Tutelas 2005' class='pt-cv-tax-tutelas-2005'>Tutelas 2005<\/a><\/div>\n<h4 class=\"pt-cv-title\"><a href=\"https:\/\/www.dmsjuridica.com\/buscador_20179478954\/corteconstitucionalcronologico202454587\/t-256-05\/\" class=\"_self\" target=\"_self\" >T-256-05<\/a><\/h4>\n<div class=\"pt-cv-content\">\u00a0 \u00a0 Sentencia T-256\/05 \u00a0 DERECHO A LA SALUD-Transplante de ri\u00f1\u00f3n \u00a0 DERECHO A LA SALUD-Fundamental por conexidad \u00a0 ENTIDAD PRESTADORA DE SALUD-Est\u00e1 en la obligaci\u00f3n de buscar alternativas efectivas para realizar tratamiento o procedimiento m\u00e9dico \u00a0 Las entidades que prestan los servicios de salud se encuentran en la obligaci\u00f3n de buscar alternativas efectivas para la realizaci\u00f3n de un tratamiento m\u00e9dico o para la pr\u00e1ctica de un procedimiento quir\u00fargico del cual dependa la vida en condiciones dignas del afiliado. Por tanto, el usuario del sistema de salud tiene la carga de probar que la conducta desplegada por la entidad promotora ...<br \/><div class=\"pt-cv-rmwrap\"><a href=\"https:\/\/www.dmsjuridica.com\/buscador_20179478954\/corteconstitucionalcronologico202454587\/t-256-05\/\" class=\"_self pt-cv-readmore btn btn-success\" target=\"_self\">Ver Sentencia Completa...<\/a><\/div><\/div><\/div><\/div>\n<div class=\"col-md-12 col-sm-12 col-xs-12 pt-cv-content-item pt-cv-1-col\" ><div class='pt-cv-ifield'><a href=\"https:\/\/www.dmsjuridica.com\/buscador_20179478954\/corteconstitucionalcronologico202454587\/t-255-05\/\" class=\"_self pt-cv-href-thumbnail pt-cv-thumb-default\" target=\"_self\" ><\/a>\n<div class=\"pt-cv-taxoterm above_title\"><a href='https:\/\/www.dmsjuridica.com\/buscador_20179478954\/corteconstitucionalcronologico202454587\/category\/buscar-en-toda-la-corte\/2005\/tutelas-2005\/' title='Tutelas 2005' class='pt-cv-tax-tutelas-2005'>Tutelas 2005<\/a><\/div>\n<h4 class=\"pt-cv-title\"><a href=\"https:\/\/www.dmsjuridica.com\/buscador_20179478954\/corteconstitucionalcronologico202454587\/t-255-05\/\" class=\"_self\" target=\"_self\" >T-255-05<\/a><\/h4>\n<div class=\"pt-cv-content\">\u00a0 \u00a0 Sentencia T-255\/05 \u00a0 RELACION LABORAL-Controversia sobre existencia debe resolverse en proceso laboral \u00a0 DERECHO DE ACCESO A LA ADMINISTRACION DE JUSTICIA Y FUNCION DE LA DEFENSORIA DEL PUEBLO-Caso en que demandante debe obtener asesor\u00eda \u00a0 Aunque la tutela en el presente asunto no haya prosperado, ello no implica que los actores queden desprotegidos en t\u00e9rminos absolutos. En efecto, \u00e9stos pueden reclamar del Estado la garant\u00eda constitucional de acceso a la administraci\u00f3n de justicia. En este sentido, la accionante podr\u00e1 acudir ante la defensor\u00eda del pueblo con el fin obtener la instrucci\u00f3n y asesor\u00eda necesarias en el ejercicio y ...<br \/><div class=\"pt-cv-rmwrap\"><a href=\"https:\/\/www.dmsjuridica.com\/buscador_20179478954\/corteconstitucionalcronologico202454587\/t-255-05\/\" class=\"_self pt-cv-readmore btn btn-success\" target=\"_self\">Ver Sentencia Completa...<\/a><\/div><\/div><\/div><\/div>\n<div class=\"col-md-12 col-sm-12 col-xs-12 pt-cv-content-item pt-cv-1-col\" ><div class='pt-cv-ifield'><a href=\"https:\/\/www.dmsjuridica.com\/buscador_20179478954\/corteconstitucionalcronologico202454587\/t-254-05\/\" class=\"_self pt-cv-href-thumbnail pt-cv-thumb-default\" target=\"_self\" ><\/a>\n<div class=\"pt-cv-taxoterm above_title\"><a href='https:\/\/www.dmsjuridica.com\/buscador_20179478954\/corteconstitucionalcronologico202454587\/category\/buscar-en-toda-la-corte\/2005\/tutelas-2005\/' title='Tutelas 2005' class='pt-cv-tax-tutelas-2005'>Tutelas 2005<\/a><\/div>\n<h4 class=\"pt-cv-title\"><a href=\"https:\/\/www.dmsjuridica.com\/buscador_20179478954\/corteconstitucionalcronologico202454587\/t-254-05\/\" class=\"_self\" target=\"_self\" >T-254-05<\/a><\/h4>\n<div class=\"pt-cv-content\">DERECHO A LA SALUD DEL INTERNO-Incluye atenci\u00f3n m\u00e9dica, quir\u00fargica, hospitalaria, terap\u00e9utica, ex\u00e1menes y tratamientos \u00a0 La obligaci\u00f3n del Estado de garantizar la salud de los internos de los Centros Penitenciales, abarca no s\u00f3lo la atenci\u00f3n m\u00e9dica, quir\u00fargica, hospitalaria y terap\u00e9utica, sino tambi\u00e9n los ex\u00e1menes que el interno pueda requerir, ya que de \u00e9stos depende el diagn\u00f3stico de la respectiva patolog\u00eda y el tratamiento a seguir para el restablecimiento de su salud. Debe indicarse como lo ha sostenido esta Corporaci\u00f3n que los internos son \u201cpersonas que dependen \u00fanica y exclusivamente de los servicios de salud que el sistema carcelario ofrece\u201d. \u00a0 ...<br \/><div class=\"pt-cv-rmwrap\"><a href=\"https:\/\/www.dmsjuridica.com\/buscador_20179478954\/corteconstitucionalcronologico202454587\/t-254-05\/\" class=\"_self pt-cv-readmore btn btn-success\" target=\"_self\">Ver Sentencia Completa...<\/a><\/div><\/div><\/div><\/div>\n<div class=\"col-md-12 col-sm-12 col-xs-12 pt-cv-content-item pt-cv-1-col\" ><div class='pt-cv-ifield'><a href=\"https:\/\/www.dmsjuridica.com\/buscador_20179478954\/corteconstitucionalcronologico202454587\/t-253-05\/\" class=\"_self pt-cv-href-thumbnail pt-cv-thumb-default\" target=\"_self\" ><\/a>\n<div class=\"pt-cv-taxoterm above_title\"><a href='https:\/\/www.dmsjuridica.com\/buscador_20179478954\/corteconstitucionalcronologico202454587\/category\/buscar-en-toda-la-corte\/2005\/tutelas-2005\/' title='Tutelas 2005' class='pt-cv-tax-tutelas-2005'>Tutelas 2005<\/a><\/div>\n<h4 class=\"pt-cv-title\"><a href=\"https:\/\/www.dmsjuridica.com\/buscador_20179478954\/corteconstitucionalcronologico202454587\/t-253-05\/\" class=\"_self\" target=\"_self\" >T-253-05<\/a><\/h4>\n<div class=\"pt-cv-content\">\u00a0 \u00a0 Sentencia T-253\/05 \u00a0 ACCION DE REINTEGRO DE TRABAJADOR CON FUERO SINDICAL-Eficacia para la protecci\u00f3n de derechos fundamentales por despido sin previa calificaci\u00f3n judicial \u00a0 ACCION DE REINTEGRO POR FUERO SINDICAL DE EMPLEADO PUBLICO \u00a0 El proceso especial de fuero sindical es un mecanismo id\u00f3neo para que se ventilen las controversias relativas a dicha garant\u00eda. \u00a0 FUERO SINDICAL DE EMPLEADO PUBLICO EN PROCESOS ADMINISTRATIVOS DE RELIQUIDACION Y REESTRUCTURACION\/FUERO SINDICAL-Vulneraci\u00f3n por despido sin autorizaci\u00f3n judicial\/DERECHO DE ASOCIACION SINDICAL-Vulneraci\u00f3n por despido sin autorizaci\u00f3n judicial\/FUERO SINDICAL-Necesidad de autorizaci\u00f3n judicial para el despido \u00a0 Trat\u00e1ndose de procesos de reestructuraci\u00f3n o liquidaci\u00f3n administrativa de ...<br \/><div class=\"pt-cv-rmwrap\"><a href=\"https:\/\/www.dmsjuridica.com\/buscador_20179478954\/corteconstitucionalcronologico202454587\/t-253-05\/\" class=\"_self pt-cv-readmore btn btn-success\" target=\"_self\">Ver Sentencia Completa...<\/a><\/div><\/div><\/div><\/div>\n<div class=\"col-md-12 col-sm-12 col-xs-12 pt-cv-content-item pt-cv-1-col\" ><div class='pt-cv-ifield'><a href=\"https:\/\/www.dmsjuridica.com\/buscador_20179478954\/corteconstitucionalcronologico202454587\/t-252-05\/\" class=\"_self pt-cv-href-thumbnail pt-cv-thumb-default\" target=\"_self\" ><\/a>\n<div class=\"pt-cv-taxoterm above_title\"><a href='https:\/\/www.dmsjuridica.com\/buscador_20179478954\/corteconstitucionalcronologico202454587\/category\/buscar-en-toda-la-corte\/2005\/tutelas-2005\/' title='Tutelas 2005' class='pt-cv-tax-tutelas-2005'>Tutelas 2005<\/a><\/div>\n<h4 class=\"pt-cv-title\"><a href=\"https:\/\/www.dmsjuridica.com\/buscador_20179478954\/corteconstitucionalcronologico202454587\/t-252-05\/\" class=\"_self\" target=\"_self\" >T-252-05<\/a><\/h4>\n<div class=\"pt-cv-content\">\u00a0 \u00a0 Sentencia T-252\/05 \u00a0 LANZAMIENTO POR OCUPACION DE HECHO-Improcedencia de tutela por existir otro medio de defensa \u00a0 Observa la Sala que el proceso seguido por la administraci\u00f3n municipal constituye, precisamente, el sendero id\u00f3neo para invocar los derechos que dicen verse amenazados y asegurar su protecci\u00f3n. En efecto, es all\u00ed donde los peticionarios tendr\u00e1n la oportunidad de hacer valer sus derechos y oponerse a las pretensiones del querellante (Megabanco) si a ello hubiere lugar. De esta manera la pretensi\u00f3n restitutoria, junto con su eventual oposici\u00f3n, habr\u00e1 de ser resuelta por la autoridad de polic\u00eda atendiendo los elementos probatorios aportados ...<br \/><div class=\"pt-cv-rmwrap\"><a href=\"https:\/\/www.dmsjuridica.com\/buscador_20179478954\/corteconstitucionalcronologico202454587\/t-252-05\/\" class=\"_self pt-cv-readmore btn btn-success\" target=\"_self\">Ver Sentencia Completa...<\/a><\/div><\/div><\/div><\/div>\n<div class=\"col-md-12 col-sm-12 col-xs-12 pt-cv-content-item pt-cv-1-col\" ><div class='pt-cv-ifield'><a href=\"https:\/\/www.dmsjuridica.com\/buscador_20179478954\/corteconstitucionalcronologico202454587\/t-251-05\/\" class=\"_self pt-cv-href-thumbnail pt-cv-thumb-default\" target=\"_self\" ><\/a>\n<div class=\"pt-cv-taxoterm above_title\"><a href='https:\/\/www.dmsjuridica.com\/buscador_20179478954\/corteconstitucionalcronologico202454587\/category\/buscar-en-toda-la-corte\/2005\/tutelas-2005\/' title='Tutelas 2005' class='pt-cv-tax-tutelas-2005'>Tutelas 2005<\/a><\/div>\n<h4 class=\"pt-cv-title\"><a href=\"https:\/\/www.dmsjuridica.com\/buscador_20179478954\/corteconstitucionalcronologico202454587\/t-251-05\/\" class=\"_self\" target=\"_self\" >T-251-05<\/a><\/h4>\n<div class=\"pt-cv-content\">\u00a0 \u00a0 Sentencia T-251\/05 \u00a0 DERECHOS FUNDAMENTALES DEL NI\u00d1O Y ADOLESCENTE A RECIBIR EDUCACION SEXUAL \u00a0 EDUCACION SEXUAL-Concepto \u00a0 EDUCACION SEXUAL EN COLEGIOS \u00a0 DEBIDO PROCESO EN IMPOSICI\u00d3N DE SANCIONES ACADEMICAS A MENORES DE EDAD-L\u00edneas jurisprudenciales \u00a0 En reiteradas ocasiones la Corte se ha pronunciado en relaci\u00f3n con el derecho al debido proceso en materia sanciones disciplinarias impuestas por colegios. En tal sentido, existen unas claras l\u00edneas jurisprudenciales en el sentido de que los centros educativos deber\u00e1n ( i ) tipificar las conductas sancionables en el respectivo manual de convivencia; ( ii ) aplicar el principio de proporcionalidad entre la ...<br \/><div class=\"pt-cv-rmwrap\"><a href=\"https:\/\/www.dmsjuridica.com\/buscador_20179478954\/corteconstitucionalcronologico202454587\/t-251-05\/\" class=\"_self pt-cv-readmore btn btn-success\" target=\"_self\">Ver Sentencia Completa...<\/a><\/div><\/div><\/div><\/div>\n<div class=\"col-md-12 col-sm-12 col-xs-12 pt-cv-content-item pt-cv-1-col\" ><div class='pt-cv-ifield'><a href=\"https:\/\/www.dmsjuridica.com\/buscador_20179478954\/corteconstitucionalcronologico202454587\/t-250-05\/\" class=\"_self pt-cv-href-thumbnail pt-cv-thumb-default\" target=\"_self\" ><\/a>\n<div class=\"pt-cv-taxoterm above_title\"><a href='https:\/\/www.dmsjuridica.com\/buscador_20179478954\/corteconstitucionalcronologico202454587\/category\/buscar-en-toda-la-corte\/2005\/tutelas-2005\/' title='Tutelas 2005' class='pt-cv-tax-tutelas-2005'>Tutelas 2005<\/a><\/div>\n<h4 class=\"pt-cv-title\"><a href=\"https:\/\/www.dmsjuridica.com\/buscador_20179478954\/corteconstitucionalcronologico202454587\/t-250-05\/\" class=\"_self\" target=\"_self\" >T-250-05<\/a><\/h4>\n<div class=\"pt-cv-content\">\u00a0 \u00a0 Sentencia T-250\/05 \u00a0 ACCION DE TUTELA-Procedencia excepcional pago de mesadas pensionales \u00a0 DERECHO AL DEBIDO PROCESO ADMINISTRATIVO-Suspensi\u00f3n del pago de mesadas pensionales \u00a0 La suspensi\u00f3n intempestiva en la cancelaci\u00f3n de mesadas pensionales compromete el derecho al debido proceso. En efecto, para adoptar una decisi\u00f3n de tal entidad, por cierto reservada a situaciones excepcionales, es necesario que la Administraci\u00f3n haya agotado un procedimiento respetuoso de las garant\u00edas de contradicci\u00f3n y defensa. As\u00ed lo dej\u00f3 en claro la Corte en la sentencia T-214 de 2004, donde concedi\u00f3 el amparo a algunos pensionados que demandaron al Ministerio de Trabajo y Protecci\u00f3n ...<br \/><div class=\"pt-cv-rmwrap\"><a href=\"https:\/\/www.dmsjuridica.com\/buscador_20179478954\/corteconstitucionalcronologico202454587\/t-250-05\/\" class=\"_self pt-cv-readmore btn btn-success\" target=\"_self\">Ver Sentencia Completa...<\/a><\/div><\/div><\/div><\/div>\n<div class=\"col-md-12 col-sm-12 col-xs-12 pt-cv-content-item pt-cv-1-col\" ><div class='pt-cv-ifield'><a href=\"https:\/\/www.dmsjuridica.com\/buscador_20179478954\/corteconstitucionalcronologico202454587\/t-249-05\/\" class=\"_self pt-cv-href-thumbnail pt-cv-thumb-default\" target=\"_self\" ><\/a>\n<div class=\"pt-cv-taxoterm above_title\"><a href='https:\/\/www.dmsjuridica.com\/buscador_20179478954\/corteconstitucionalcronologico202454587\/category\/buscar-en-toda-la-corte\/2005\/tutelas-2005\/' title='Tutelas 2005' class='pt-cv-tax-tutelas-2005'>Tutelas 2005<\/a><\/div>\n<h4 class=\"pt-cv-title\"><a href=\"https:\/\/www.dmsjuridica.com\/buscador_20179478954\/corteconstitucionalcronologico202454587\/t-249-05\/\" class=\"_self\" target=\"_self\" >T-249-05<\/a><\/h4>\n<div class=\"pt-cv-content\">\u00a0 \u00a0 Sentencia T-249\/05 \u00a0 ACCION DE TUTELA-Procedencia excepcional pago de mesadas pensionales \u00a0 DERECHO AL MINIMO VITAL DE PERSONA DE LA TERCERA EDAD-Pago oportuno de mesadas pensionales \u00a0 Reiteraci\u00f3n de Jurisprudencia \u00a0 Referencia: expediente T-1003133 \u00a0 Acci\u00f3n de tutela instaurada por Mariela Rojas contra Hospital San Juan de Dios de Cali. \u00a0 \u00a0 Magistrada Ponente: \u00a0 Dra. CLARA IN\u00c9S VARGAS HERN\u00c1NDEZ. \u00a0 \u00a0 Bogot\u00e1 D. C., \u00a0diecisiete (17) de marzo de dos mil cinco ( 2005 ).\u00a0 \u00a0 La Sala Novena de Revisi\u00f3n de la Corte Constitucional, integrada por los Magistrados CLARA IN\u00c9S VARGAS HERN\u00c1NDEZ, JAIME ARAUJO RENTER\u00cdA y ...<br \/><div class=\"pt-cv-rmwrap\"><a href=\"https:\/\/www.dmsjuridica.com\/buscador_20179478954\/corteconstitucionalcronologico202454587\/t-249-05\/\" class=\"_self pt-cv-readmore btn btn-success\" target=\"_self\">Ver Sentencia Completa...<\/a><\/div><\/div><\/div><\/div>\n<div class=\"col-md-12 col-sm-12 col-xs-12 pt-cv-content-item pt-cv-1-col\" ><div class='pt-cv-ifield'><a href=\"https:\/\/www.dmsjuridica.com\/buscador_20179478954\/corteconstitucionalcronologico202454587\/t-248-05\/\" class=\"_self pt-cv-href-thumbnail pt-cv-thumb-default\" target=\"_self\" ><\/a>\n<div class=\"pt-cv-taxoterm above_title\"><a href='https:\/\/www.dmsjuridica.com\/buscador_20179478954\/corteconstitucionalcronologico202454587\/category\/buscar-en-toda-la-corte\/2005\/tutelas-2005\/' title='Tutelas 2005' class='pt-cv-tax-tutelas-2005'>Tutelas 2005<\/a><\/div>\n<h4 class=\"pt-cv-title\"><a href=\"https:\/\/www.dmsjuridica.com\/buscador_20179478954\/corteconstitucionalcronologico202454587\/t-248-05\/\" class=\"_self\" target=\"_self\" >T-248-05<\/a><\/h4>\n<div class=\"pt-cv-content\">\u00a0 \u00a0 Sentencia T-248\/05 \u00a0 AGENCIA OFICIOSA EN TUTELA-Nieto en representaci\u00f3n de abuelo \u00a0 El juez de tutela debe valorar, en cada caso, si la manifestaci\u00f3n de estar agenciando derechos es presupuesto indispensable para la procedencia de la acci\u00f3n de tutela a favor de un tercero. En el presente caso el juez de instancia obr\u00f3 correctamente al dar tr\u00e1mite a la acci\u00f3n de tutela interpuesta, en representaci\u00f3n de su abuelo, pues el afectado es una persona de edad avanzada que en raz\u00f3n de esta circunstancia se encuentra en situaci\u00f3n de vulnerabilidad que le imped\u00eda dirigirse por sus propios medios ante ...<br \/><div class=\"pt-cv-rmwrap\"><a href=\"https:\/\/www.dmsjuridica.com\/buscador_20179478954\/corteconstitucionalcronologico202454587\/t-248-05\/\" class=\"_self pt-cv-readmore btn btn-success\" target=\"_self\">Ver Sentencia Completa...<\/a><\/div><\/div><\/div><\/div>\n<div class=\"col-md-12 col-sm-12 col-xs-12 pt-cv-content-item pt-cv-1-col\" ><div class='pt-cv-ifield'><a href=\"https:\/\/www.dmsjuridica.com\/buscador_20179478954\/corteconstitucionalcronologico202454587\/t-247-05\/\" class=\"_self pt-cv-href-thumbnail pt-cv-thumb-default\" target=\"_self\" ><\/a>\n<div class=\"pt-cv-taxoterm above_title\"><a href='https:\/\/www.dmsjuridica.com\/buscador_20179478954\/corteconstitucionalcronologico202454587\/category\/buscar-en-toda-la-corte\/2005\/tutelas-2005\/' title='Tutelas 2005' class='pt-cv-tax-tutelas-2005'>Tutelas 2005<\/a><\/div>\n<h4 class=\"pt-cv-title\"><a href=\"https:\/\/www.dmsjuridica.com\/buscador_20179478954\/corteconstitucionalcronologico202454587\/t-247-05\/\" class=\"_self\" target=\"_self\" >T-247-05<\/a><\/h4>\n<div class=\"pt-cv-content\">\u00a0 \u00a0 Sentencia T-247\/05 \u00a0 DERECHO A LA LIBRE ESCOGENCIA DE IPS \u00a0 El derecho de \u201clibre escogencia\u201d comporta una garant\u00eda conexa para asegurar el derecho fundamental de acceso a la Seguridad Social, y para permitir que este \u00faltimo se materialice en una prestaci\u00f3n regular, continua, oportuna y eficiente de los servicios m\u00e9dicos que requieran los afiliados y que se encuentren incluidos en el Plan Obligatorio de Salud. Garant\u00eda que de no cumplirse supone el riesgo de imposici\u00f3n de las sanciones previstas en el art\u00edculo 230 de la mencionada Ley 100 de 1993. Con todo, el derecho a la libre ...<br \/><div class=\"pt-cv-rmwrap\"><a href=\"https:\/\/www.dmsjuridica.com\/buscador_20179478954\/corteconstitucionalcronologico202454587\/t-247-05\/\" class=\"_self pt-cv-readmore btn btn-success\" target=\"_self\">Ver Sentencia Completa...<\/a><\/div><\/div><\/div><\/div>\n<div class=\"col-md-12 col-sm-12 col-xs-12 pt-cv-content-item pt-cv-1-col\" ><div class='pt-cv-ifield'><a href=\"https:\/\/www.dmsjuridica.com\/buscador_20179478954\/corteconstitucionalcronologico202454587\/t-246-05\/\" class=\"_self pt-cv-href-thumbnail pt-cv-thumb-default\" target=\"_self\" ><\/a>\n<div class=\"pt-cv-taxoterm above_title\"><a href='https:\/\/www.dmsjuridica.com\/buscador_20179478954\/corteconstitucionalcronologico202454587\/category\/buscar-en-toda-la-corte\/2005\/tutelas-2005\/' title='Tutelas 2005' class='pt-cv-tax-tutelas-2005'>Tutelas 2005<\/a><\/div>\n<h4 class=\"pt-cv-title\"><a href=\"https:\/\/www.dmsjuridica.com\/buscador_20179478954\/corteconstitucionalcronologico202454587\/t-246-05\/\" class=\"_self\" target=\"_self\" >T-246-05<\/a><\/h4>\n<div class=\"pt-cv-content\">\u00a0 \u00a0 Sentencia T-246\/05 \u00a0 AGENCIA OFICIOSA EN TUTELA-Esposa en representaci\u00f3n de esposo \u00a0 En el presente caso quien instaura la acci\u00f3n de tutela es la c\u00f3nyuge de una persona que padece de c\u00e1ncer y se encuentra en imposibilidad de ejercer su propia defensa, motivo por el cual la situaci\u00f3n se ajusta a las prescripciones del art\u00edculo 10 del decreto 2591 de 1991. \u00a0 DERECHO A LA SALUD-Fundamental por conexidad \u00a0 En varias oportunidades la Corte ha precisado que adquiere el car\u00e1cter de fundamental, de manera aut\u00f3noma, bajo ciertas circunstancias, y por conexidad, cuando su vulneraci\u00f3n afecta derechos fundamentales como ...<br \/><div class=\"pt-cv-rmwrap\"><a href=\"https:\/\/www.dmsjuridica.com\/buscador_20179478954\/corteconstitucionalcronologico202454587\/t-246-05\/\" class=\"_self pt-cv-readmore btn btn-success\" target=\"_self\">Ver Sentencia Completa...<\/a><\/div><\/div><\/div><\/div>\n<div class=\"col-md-12 col-sm-12 col-xs-12 pt-cv-content-item pt-cv-1-col\" ><div class='pt-cv-ifield'><a href=\"https:\/\/www.dmsjuridica.com\/buscador_20179478954\/corteconstitucionalcronologico202454587\/t-245-05\/\" class=\"_self pt-cv-href-thumbnail pt-cv-thumb-default\" target=\"_self\" ><\/a>\n<div class=\"pt-cv-taxoterm above_title\"><a href='https:\/\/www.dmsjuridica.com\/buscador_20179478954\/corteconstitucionalcronologico202454587\/category\/buscar-en-toda-la-corte\/2005\/tutelas-2005\/' title='Tutelas 2005' class='pt-cv-tax-tutelas-2005'>Tutelas 2005<\/a><\/div>\n<h4 class=\"pt-cv-title\"><a href=\"https:\/\/www.dmsjuridica.com\/buscador_20179478954\/corteconstitucionalcronologico202454587\/t-245-05\/\" class=\"_self\" target=\"_self\" >T-245-05<\/a><\/h4>\n<div class=\"pt-cv-content\">\u00a0 \u00a0 Sentencia T-245\/05 \u00a0 DERECHO A LA SEGURIDAD SOCIAL DE PERSONA DE LA TERCERA EDAD-Fundamental por afectaci\u00f3n del m\u00ednimo vital \u00a0 Cuando quien interpone la tutela es una persona de la tercera edad, ha de entenderse, que su capacidad laboral se encuentra pr\u00e1cticamente agotada, no pudiendo por lo tanto, generarse mediante su trabajo una fuente de ingresos. De esta manera la pensi\u00f3n entra a constituirse en ese sustento econ\u00f3mico, \u00fanico para muchas de esas personas, que les permite llevar una vida en condiciones dignas y justas. Aclarado el punto respecto del car\u00e1cter fundamental que adquiere el derecho a la ...<br \/><div class=\"pt-cv-rmwrap\"><a href=\"https:\/\/www.dmsjuridica.com\/buscador_20179478954\/corteconstitucionalcronologico202454587\/t-245-05\/\" class=\"_self pt-cv-readmore btn btn-success\" target=\"_self\">Ver Sentencia Completa...<\/a><\/div><\/div><\/div><\/div>\n<div class=\"col-md-12 col-sm-12 col-xs-12 pt-cv-content-item pt-cv-1-col\" ><div class='pt-cv-ifield'><a href=\"https:\/\/www.dmsjuridica.com\/buscador_20179478954\/corteconstitucionalcronologico202454587\/t-244-05\/\" class=\"_self pt-cv-href-thumbnail pt-cv-thumb-default\" target=\"_self\" ><\/a>\n<div class=\"pt-cv-taxoterm above_title\"><a href='https:\/\/www.dmsjuridica.com\/buscador_20179478954\/corteconstitucionalcronologico202454587\/category\/buscar-en-toda-la-corte\/2005\/tutelas-2005\/' title='Tutelas 2005' class='pt-cv-tax-tutelas-2005'>Tutelas 2005<\/a><\/div>\n<h4 class=\"pt-cv-title\"><a href=\"https:\/\/www.dmsjuridica.com\/buscador_20179478954\/corteconstitucionalcronologico202454587\/t-244-05\/\" class=\"_self\" target=\"_self\" >T-244-05<\/a><\/h4>\n<div class=\"pt-cv-content\">\u00a0 \u00a0 Sentencia T-244\/05 \u00a0 MENOR DISCAPACITADO-Medidas de protecci\u00f3n que pueden ser adoptadas por el ICBF \u00a0 MENOR DISCAPACITADO-Medida de protecci\u00f3n de colocaci\u00f3n familiar \u00a0 MENOR DISCAPACITADO-Hogar biol\u00f3gico especial es una medida transitoria que adopta el ICBF \u00a0 El Instituto Colombiano de Bienestar Familiar, con el prop\u00f3sito de proteger especialmente a los menores discapacitados estableci\u00f3 nuevas modalidades de hogares sustitutos, como lo son los \u201chogares biol\u00f3gicos especiales para menores discapacitados\u201d, con el fin de apoyar econ\u00f3micamente a sus familias \u00a0y brindarles orientaci\u00f3n y apoyo t\u00e9cnico para que puedan superar las circunstancias que dieron origen a la medida de protecci\u00f3n. Con ...<br \/><div class=\"pt-cv-rmwrap\"><a href=\"https:\/\/www.dmsjuridica.com\/buscador_20179478954\/corteconstitucionalcronologico202454587\/t-244-05\/\" class=\"_self pt-cv-readmore btn btn-success\" target=\"_self\">Ver Sentencia Completa...<\/a><\/div><\/div><\/div><\/div>\n<div class=\"col-md-12 col-sm-12 col-xs-12 pt-cv-content-item pt-cv-1-col\" ><div class='pt-cv-ifield'><a href=\"https:\/\/www.dmsjuridica.com\/buscador_20179478954\/corteconstitucionalcronologico202454587\/t-236-05\/\" class=\"_self pt-cv-href-thumbnail pt-cv-thumb-default\" target=\"_self\" ><\/a>\n<div class=\"pt-cv-taxoterm above_title\"><a href='https:\/\/www.dmsjuridica.com\/buscador_20179478954\/corteconstitucionalcronologico202454587\/category\/buscar-en-toda-la-corte\/2005\/tutelas-2005\/' title='Tutelas 2005' class='pt-cv-tax-tutelas-2005'>Tutelas 2005<\/a><\/div>\n<h4 class=\"pt-cv-title\"><a href=\"https:\/\/www.dmsjuridica.com\/buscador_20179478954\/corteconstitucionalcronologico202454587\/t-236-05\/\" class=\"_self\" target=\"_self\" >T-236-05<\/a><\/h4>\n<div class=\"pt-cv-content\">\u00a0 \u00a0 Sentencia T-236\/05 \u00a0 DERECHO DE PETICION ANTE MINISTERIO DE TRABAJO-Solicitud de conceptos sobre reestructuraci\u00f3n de Secretar\u00eda de Tr\u00e1nsito\/DERECHO DE PETICION-Contenido, elementos y alcance \u00a0 Reiteradamente esta Corte ha se\u00f1alado que el derecho de petici\u00f3n en su contenido comprende los siguientes elementos: i.) la posibilidad cierta y efectiva de elevar, en t\u00e9rminos respetuosos, solicitudes ante las autoridades, sin que \u00e9stas se nieguen a recibirlas o se abstengan de tramitarlas (n\u00facleo esencial); ii.) una respuesta que debe ser pronta y oportuna, es decir otorgada dentro de los t\u00e9rminos establecidos en el ordenamiento jur\u00eddico, as\u00ed como clara, precisa y de fondo ...<br \/><div class=\"pt-cv-rmwrap\"><a href=\"https:\/\/www.dmsjuridica.com\/buscador_20179478954\/corteconstitucionalcronologico202454587\/t-236-05\/\" class=\"_self pt-cv-readmore btn btn-success\" target=\"_self\">Ver Sentencia Completa...<\/a><\/div><\/div><\/div><\/div>\n<div class=\"col-md-12 col-sm-12 col-xs-12 pt-cv-content-item pt-cv-1-col\" ><div class='pt-cv-ifield'><a href=\"https:\/\/www.dmsjuridica.com\/buscador_20179478954\/corteconstitucionalcronologico202454587\/t-235-05\/\" class=\"_self pt-cv-href-thumbnail pt-cv-thumb-default\" target=\"_self\" ><\/a>\n<div class=\"pt-cv-taxoterm above_title\"><a href='https:\/\/www.dmsjuridica.com\/buscador_20179478954\/corteconstitucionalcronologico202454587\/category\/buscar-en-toda-la-corte\/2005\/tutelas-2005\/' title='Tutelas 2005' class='pt-cv-tax-tutelas-2005'>Tutelas 2005<\/a><\/div>\n<h4 class=\"pt-cv-title\"><a href=\"https:\/\/www.dmsjuridica.com\/buscador_20179478954\/corteconstitucionalcronologico202454587\/t-235-05\/\" class=\"_self\" target=\"_self\" >T-235-05<\/a><\/h4>\n<div class=\"pt-cv-content\">\u00a0 \u00a0 Sentencia T-235\/05 \u00a0 DERECHO A LA SALUD-Suministro de medicamento para el asma no incluidos en el listado del POS \u00a0 DERECHO A LA SALUD Y A LA VIDA DIGNA-Vulneraci\u00f3n por no suministro de medicamento \u00a0 ACCION DE TUTELA-Improcedencia reembolso de dineros por asunci\u00f3n de costo de medicamento \u00a0 Referencia: expediente T-999112 \u00a0 Acci\u00f3n de tutela instaurada por Nelcy Nelly Gueche Rivera contra la EPS Seguro Social \u2013 Seccional Cauca. \u00a0 Magistrado Ponente: \u00a0 Dr. JAIME ARA\u00daJO RENTER\u00cdA \u00a0 Bogot\u00e1 D.C., once ( 11 ) de marzo de dos mil cinco (2005). \u00a0 SENTENCIA \u00a0 que pone fin al ...<br \/><div class=\"pt-cv-rmwrap\"><a href=\"https:\/\/www.dmsjuridica.com\/buscador_20179478954\/corteconstitucionalcronologico202454587\/t-235-05\/\" class=\"_self pt-cv-readmore btn btn-success\" target=\"_self\">Ver Sentencia Completa...<\/a><\/div><\/div><\/div><\/div>\n<div class=\"col-md-12 col-sm-12 col-xs-12 pt-cv-content-item pt-cv-1-col\" ><div class='pt-cv-ifield'><a href=\"https:\/\/www.dmsjuridica.com\/buscador_20179478954\/corteconstitucionalcronologico202454587\/t-234-05\/\" class=\"_self pt-cv-href-thumbnail pt-cv-thumb-default\" target=\"_self\" ><\/a>\n<div class=\"pt-cv-taxoterm above_title\"><a href='https:\/\/www.dmsjuridica.com\/buscador_20179478954\/corteconstitucionalcronologico202454587\/category\/buscar-en-toda-la-corte\/2005\/tutelas-2005\/' title='Tutelas 2005' class='pt-cv-tax-tutelas-2005'>Tutelas 2005<\/a><\/div>\n<h4 class=\"pt-cv-title\"><a href=\"https:\/\/www.dmsjuridica.com\/buscador_20179478954\/corteconstitucionalcronologico202454587\/t-234-05\/\" class=\"_self\" target=\"_self\" >T-234-05<\/a><\/h4>\n<div class=\"pt-cv-content\">\u00a0 \u00a0 Sentencia T-234\/05 \u00a0 Un empleador puede efectuar un comportamiento inconstitucional, cuando haciendo un uso indiscriminado de la facultad de terminar unilateralmente y sin justa causa contratos de trabajo, afecta a una organizaci\u00f3n sindical, debilitando su estructura o logrando su total extinci\u00f3n, as\u00ed como tomando acciones que desestimulen la afiliaci\u00f3n o tomado represalias contra los trabajadores sindicalizados o que pretendan afilarse a \u00e9ste. En este orden de ideas, el juez constitucional lo que debe determinar es si la conducta desplegada por el patrono se convierte en abusiva, desproporcionada e inconstitucional, vulnerando as\u00ed el derecho a la libertad de asociaci\u00f3n ...<br \/><div class=\"pt-cv-rmwrap\"><a href=\"https:\/\/www.dmsjuridica.com\/buscador_20179478954\/corteconstitucionalcronologico202454587\/t-234-05\/\" class=\"_self pt-cv-readmore btn btn-success\" target=\"_self\">Ver Sentencia Completa...<\/a><\/div><\/div><\/div><\/div>\n<div class=\"col-md-12 col-sm-12 col-xs-12 pt-cv-content-item pt-cv-1-col\" ><div class='pt-cv-ifield'><a href=\"https:\/\/www.dmsjuridica.com\/buscador_20179478954\/corteconstitucionalcronologico202454587\/t-233-05\/\" class=\"_self pt-cv-href-thumbnail pt-cv-thumb-default\" target=\"_self\" ><\/a>\n<div class=\"pt-cv-taxoterm above_title\"><a href='https:\/\/www.dmsjuridica.com\/buscador_20179478954\/corteconstitucionalcronologico202454587\/category\/buscar-en-toda-la-corte\/2005\/tutelas-2005\/' title='Tutelas 2005' class='pt-cv-tax-tutelas-2005'>Tutelas 2005<\/a><\/div>\n<h4 class=\"pt-cv-title\"><a href=\"https:\/\/www.dmsjuridica.com\/buscador_20179478954\/corteconstitucionalcronologico202454587\/t-233-05\/\" class=\"_self\" target=\"_self\" >T-233-05<\/a><\/h4>\n<div class=\"pt-cv-content\">\u00a0 \u00a0 Sentencia T-233\/05 \u00a0 ACCION DE TUTELA CONTRA PROVIDENCIAS JUDICIALES-Procedencia \u00a0 VIA DE HECHO-Clases de defectos\/VIA DE HECHO-Nuevas calificaciones de defectos\/VIA DE HECHO POR CONSECUENCIA \u00a0 Con el objeto de sistematizar las posibles conductas constitutivas de v\u00eda de hecho, la Corte ha efectuado una calificaci\u00f3n de la clase de \u201cdefectos\u201d en los que puede estar incursa una providencia. Son estos los defectos f\u00e1cticos, sustanciales, procedimentales, y org\u00e1nicos. El defecto sustantivo se produce cuando la decisi\u00f3n controvertida se funda en una norma indiscutiblemente inaplicable. El defecto f\u00e1ctico, cuando resulta indudable que el juez carece de sustento probatorio suficiente para proceder ...<br \/><div class=\"pt-cv-rmwrap\"><a href=\"https:\/\/www.dmsjuridica.com\/buscador_20179478954\/corteconstitucionalcronologico202454587\/t-233-05\/\" class=\"_self pt-cv-readmore btn btn-success\" target=\"_self\">Ver Sentencia Completa...<\/a><\/div><\/div><\/div><\/div>\n<div class=\"col-md-12 col-sm-12 col-xs-12 pt-cv-content-item pt-cv-1-col\" ><div class='pt-cv-ifield'><a href=\"https:\/\/www.dmsjuridica.com\/buscador_20179478954\/corteconstitucionalcronologico202454587\/t-232-05\/\" class=\"_self pt-cv-href-thumbnail pt-cv-thumb-default\" target=\"_self\" ><\/a>\n<div class=\"pt-cv-taxoterm above_title\"><a href='https:\/\/www.dmsjuridica.com\/buscador_20179478954\/corteconstitucionalcronologico202454587\/category\/buscar-en-toda-la-corte\/2005\/tutelas-2005\/' title='Tutelas 2005' class='pt-cv-tax-tutelas-2005'>Tutelas 2005<\/a><\/div>\n<h4 class=\"pt-cv-title\"><a href=\"https:\/\/www.dmsjuridica.com\/buscador_20179478954\/corteconstitucionalcronologico202454587\/t-232-05\/\" class=\"_self\" target=\"_self\" >T-232-05<\/a><\/h4>\n<div class=\"pt-cv-content\">\u00a0 \u00a0 Sentencia T-232\/05 \u00a0 PRINCIPIO DE RAZONABILIDAD Y PRINCIPIO DE IGUALDAD\u00a0 \u00a0 REGIMEN DE PROTECCION AL DESEMPLEADO \u00a0 Es deber del Estado Social de Derecho proveer un empleo a las personas que est\u00e9n en capacidad de laborar, y a aquellas que han perdido su trabajo otorgar un seguro contra el desempleo, as\u00ed como la capacitaci\u00f3n para acceder a nuevas fuentes de trabajo. En este sentido, el art\u00edculo 54 de la Constituci\u00f3n establece la obligaci\u00f3n del Estado de ofrecer formaci\u00f3n y habilitaci\u00f3n profesional a quienes lo requieran y propiciar la ubicaci\u00f3n laboral de las personas en edad de trabajar. As\u00ed ...<br \/><div class=\"pt-cv-rmwrap\"><a href=\"https:\/\/www.dmsjuridica.com\/buscador_20179478954\/corteconstitucionalcronologico202454587\/t-232-05\/\" class=\"_self pt-cv-readmore btn btn-success\" target=\"_self\">Ver Sentencia Completa...<\/a><\/div><\/div><\/div><\/div>\n<div class=\"col-md-12 col-sm-12 col-xs-12 pt-cv-content-item pt-cv-1-col\" ><div class='pt-cv-ifield'><a href=\"https:\/\/www.dmsjuridica.com\/buscador_20179478954\/corteconstitucionalcronologico202454587\/t-231-05\/\" class=\"_self pt-cv-href-thumbnail pt-cv-thumb-default\" target=\"_self\" ><\/a>\n<div class=\"pt-cv-taxoterm above_title\"><a href='https:\/\/www.dmsjuridica.com\/buscador_20179478954\/corteconstitucionalcronologico202454587\/category\/buscar-en-toda-la-corte\/2005\/tutelas-2005\/' title='Tutelas 2005' class='pt-cv-tax-tutelas-2005'>Tutelas 2005<\/a><\/div>\n<h4 class=\"pt-cv-title\"><a href=\"https:\/\/www.dmsjuridica.com\/buscador_20179478954\/corteconstitucionalcronologico202454587\/t-231-05\/\" class=\"_self\" target=\"_self\" >T-231-05<\/a><\/h4>\n<div class=\"pt-cv-content\">\u00a0 \u00a0 Sentencia T-231\/05 \u00a0 AGENCIA OFICIOSA EN TUTELA-Esposo en representaci\u00f3n de esposa enferma \u00a0 DERECHO A LA SALUD-Fundamental por conexidad con la vida \u00a0 El derecho a la salud no puede ser objeto de amparo por v\u00eda de tutela, salvo que su afectaci\u00f3n conlleve a la vulneraci\u00f3n de un derecho que s\u00ed sea fundamental, como ser\u00eda el caso de la integridad personal o del derecho a la vida, entendida \u00e9sta no s\u00f3lo como el derecho a subsistir o a la existencia misma, sino una existencia en condiciones dignas. As\u00ed las cosas, la acci\u00f3n de tutela est\u00e1 llamada a prosperar ...<br \/><div class=\"pt-cv-rmwrap\"><a href=\"https:\/\/www.dmsjuridica.com\/buscador_20179478954\/corteconstitucionalcronologico202454587\/t-231-05\/\" class=\"_self pt-cv-readmore btn btn-success\" target=\"_self\">Ver Sentencia Completa...<\/a><\/div><\/div><\/div><\/div>\n<div class=\"col-md-12 col-sm-12 col-xs-12 pt-cv-content-item pt-cv-1-col\" ><div class='pt-cv-ifield'><a href=\"https:\/\/www.dmsjuridica.com\/buscador_20179478954\/corteconstitucionalcronologico202454587\/t-230-05\/\" class=\"_self pt-cv-href-thumbnail pt-cv-thumb-default\" target=\"_self\" ><\/a>\n<div class=\"pt-cv-taxoterm above_title\"><a href='https:\/\/www.dmsjuridica.com\/buscador_20179478954\/corteconstitucionalcronologico202454587\/category\/buscar-en-toda-la-corte\/2005\/tutelas-2005\/' title='Tutelas 2005' class='pt-cv-tax-tutelas-2005'>Tutelas 2005<\/a><\/div>\n<h4 class=\"pt-cv-title\"><a href=\"https:\/\/www.dmsjuridica.com\/buscador_20179478954\/corteconstitucionalcronologico202454587\/t-230-05\/\" class=\"_self\" target=\"_self\" >T-230-05<\/a><\/h4>\n<div class=\"pt-cv-content\">\u00a0 \u00a0 Sentencia T-230\/05 \u00a0 DERECHO A LA SEGURIDAD SOCIAL-Expedici\u00f3n y emisi\u00f3n de bono pensional\/CONVENIO DE CONCURRENCIA-No puede someterse a persona de la tercera edad a la incertidumbre sobre la definici\u00f3n de la pensi\u00f3n\/BONOS PENSIONALES-Demora en emisi\u00f3n impide acceso a pensi\u00f3n de jubilaci\u00f3n\/PENSION DE JUBILACION-Orden para resolver despu\u00e9s de 5 a\u00f1os sobre solicitud\u00a0 \u00a0 Referencia: expediente T-1005808 \u00a0 Acci\u00f3n de tutela de Bernarda Tapia Arteaga contra la Gobernaci\u00f3n de C\u00f3rdoba y el Instituto de Seguros Sociales, Seccional C\u00f3rdoba \u00a0 Magistrado Ponente:\u00a0 \u00a0 Dr. JAIME C\u00d3RDOBA TRIVI\u00d1O \u00a0 Bogot\u00e1, D. C., once \u00a0(11) \u00a0de marzo de dos mil cinco \u00a0(2005).\u00a0 \u00a0 ...<br \/><div class=\"pt-cv-rmwrap\"><a href=\"https:\/\/www.dmsjuridica.com\/buscador_20179478954\/corteconstitucionalcronologico202454587\/t-230-05\/\" class=\"_self pt-cv-readmore btn btn-success\" target=\"_self\">Ver Sentencia Completa...<\/a><\/div><\/div><\/div><\/div>\n<div class=\"col-md-12 col-sm-12 col-xs-12 pt-cv-content-item pt-cv-1-col\" ><div class='pt-cv-ifield'><a href=\"https:\/\/www.dmsjuridica.com\/buscador_20179478954\/corteconstitucionalcronologico202454587\/t-229-05\/\" class=\"_self pt-cv-href-thumbnail pt-cv-thumb-default\" target=\"_self\" ><\/a>\n<div class=\"pt-cv-taxoterm above_title\"><a href='https:\/\/www.dmsjuridica.com\/buscador_20179478954\/corteconstitucionalcronologico202454587\/category\/buscar-en-toda-la-corte\/2005\/tutelas-2005\/' title='Tutelas 2005' class='pt-cv-tax-tutelas-2005'>Tutelas 2005<\/a><\/div>\n<h4 class=\"pt-cv-title\"><a href=\"https:\/\/www.dmsjuridica.com\/buscador_20179478954\/corteconstitucionalcronologico202454587\/t-229-05\/\" class=\"_self\" target=\"_self\" >T-229-05<\/a><\/h4>\n<div class=\"pt-cv-content\">\u00a0 \u00a0 Sentencia T-229\/05 \u00a0 DERECHO DE PETICION-Contenido esencial y elementos adicionales \u00a0 ACCION DE TUTELA-Procedencia excepcional pago de acreencias laborales \u00a0 Ante la necesidad de protecci\u00f3n inmediata de derechos fundamentales, los mecanismos judiciales ordinarios no resultan id\u00f3neos, por lo que el recurso subsidiario de amparo constitucional es procedente para solucionar la controversia planteada. \u00a0Empero, se insiste en el car\u00e1cter excepcional de dicha alternativa, pues s\u00f3lo est\u00e1 reservada a aquellos casos l\u00edmite en que el procedimiento ordinario, en raz\u00f3n de su naturaleza, impida la eficacia del derecho fundamental vulnerado. \u00a0Por ende un entendimiento distinto, que otorgara un car\u00e1cter ampliado a ...<br \/><div class=\"pt-cv-rmwrap\"><a href=\"https:\/\/www.dmsjuridica.com\/buscador_20179478954\/corteconstitucionalcronologico202454587\/t-229-05\/\" class=\"_self pt-cv-readmore btn btn-success\" target=\"_self\">Ver Sentencia Completa...<\/a><\/div><\/div><\/div><\/div>\n<div class=\"col-md-12 col-sm-12 col-xs-12 pt-cv-content-item pt-cv-1-col\" ><div class='pt-cv-ifield'><a href=\"https:\/\/www.dmsjuridica.com\/buscador_20179478954\/corteconstitucionalcronologico202454587\/t-228-05\/\" class=\"_self pt-cv-href-thumbnail pt-cv-thumb-default\" target=\"_self\" ><\/a>\n<div class=\"pt-cv-taxoterm above_title\"><a href='https:\/\/www.dmsjuridica.com\/buscador_20179478954\/corteconstitucionalcronologico202454587\/category\/buscar-en-toda-la-corte\/2005\/tutelas-2005\/' title='Tutelas 2005' class='pt-cv-tax-tutelas-2005'>Tutelas 2005<\/a><\/div>\n<h4 class=\"pt-cv-title\"><a href=\"https:\/\/www.dmsjuridica.com\/buscador_20179478954\/corteconstitucionalcronologico202454587\/t-228-05\/\" class=\"_self\" target=\"_self\" >T-228-05<\/a><\/h4>\n<div class=\"pt-cv-content\">\u00a0 \u00a0 Sentencia T-228\/05 \u00a0 DERECHO A LA ESTABILIDAD LABORAL REFORZADA DE MUJER EMBARAZADA-Origen, contenido y alcance \u00a0 El derecho a la estabilidad laboral reforzada en cabeza de la mujer embarazada se encuentra reconocido tanto en la Constituci\u00f3n como en las leyes laborales y ha sido garantizado, en reiterada jurisprudencia, por la Corte Constitucional, el Consejo de Estado y la Sala Laboral de la Corte Suprema de Justicia. En estos t\u00e9rminos es importante recordar que el reconocimiento de este derecho no es una reciente innovaci\u00f3n constitucional. Por el contrario, incluso antes de expedida la Carta de 1991, con el fin ...<br \/><div class=\"pt-cv-rmwrap\"><a href=\"https:\/\/www.dmsjuridica.com\/buscador_20179478954\/corteconstitucionalcronologico202454587\/t-228-05\/\" class=\"_self pt-cv-readmore btn btn-success\" target=\"_self\">Ver Sentencia Completa...<\/a><\/div><\/div><\/div><\/div>\n<div class=\"col-md-12 col-sm-12 col-xs-12 pt-cv-content-item pt-cv-1-col\" ><div class='pt-cv-ifield'><a href=\"https:\/\/www.dmsjuridica.com\/buscador_20179478954\/corteconstitucionalcronologico202454587\/t-227-05\/\" class=\"_self pt-cv-href-thumbnail pt-cv-thumb-default\" target=\"_self\" ><\/a>\n<div class=\"pt-cv-taxoterm above_title\"><a href='https:\/\/www.dmsjuridica.com\/buscador_20179478954\/corteconstitucionalcronologico202454587\/category\/buscar-en-toda-la-corte\/2005\/tutelas-2005\/' title='Tutelas 2005' class='pt-cv-tax-tutelas-2005'>Tutelas 2005<\/a><\/div>\n<h4 class=\"pt-cv-title\"><a href=\"https:\/\/www.dmsjuridica.com\/buscador_20179478954\/corteconstitucionalcronologico202454587\/t-227-05\/\" class=\"_self\" target=\"_self\" >T-227-05<\/a><\/h4>\n<div class=\"pt-cv-content\">\u00a0 \u00a0 Sentencia T-227\/05 \u00a0 DERECHO A LA SALUD-Fundamental por conexidad \u00a0 JUEZ DE TUTELA-Deberes en cuanto a protecci\u00f3n constitucional de derechos fundamentales \u00a0 La labor de quienes ejercen jurisdicci\u00f3n constitucional no puede reducirse a la constataci\u00f3n pasiva de requisitos formales de las demandas que ponen a su consideraci\u00f3n los particulares. En efecto, la naturaleza de los principios que est\u00e1n en juego, que se concretan en la efectiva y pronta protecci\u00f3n de derechos inherentes a la persona, exige al juez que, en la medida de los recursos y poderes que le reconocen la Constituci\u00f3n y la ley, se establezcan con ...<br \/><div class=\"pt-cv-rmwrap\"><a href=\"https:\/\/www.dmsjuridica.com\/buscador_20179478954\/corteconstitucionalcronologico202454587\/t-227-05\/\" class=\"_self pt-cv-readmore btn btn-success\" target=\"_self\">Ver Sentencia Completa...<\/a><\/div><\/div><\/div><\/div>\n<div class=\"col-md-12 col-sm-12 col-xs-12 pt-cv-content-item pt-cv-1-col\" ><div class='pt-cv-ifield'><a href=\"https:\/\/www.dmsjuridica.com\/buscador_20179478954\/corteconstitucionalcronologico202454587\/t-226-05\/\" class=\"_self pt-cv-href-thumbnail pt-cv-thumb-default\" target=\"_self\" ><\/a>\n<div class=\"pt-cv-taxoterm above_title\"><a href='https:\/\/www.dmsjuridica.com\/buscador_20179478954\/corteconstitucionalcronologico202454587\/category\/buscar-en-toda-la-corte\/2005\/tutelas-2005\/' title='Tutelas 2005' class='pt-cv-tax-tutelas-2005'>Tutelas 2005<\/a><\/div>\n<h4 class=\"pt-cv-title\"><a href=\"https:\/\/www.dmsjuridica.com\/buscador_20179478954\/corteconstitucionalcronologico202454587\/t-226-05\/\" class=\"_self\" target=\"_self\" >T-226-05<\/a><\/h4>\n<div class=\"pt-cv-content\">\u00a0 \u00a0 Sentencia T-226\/05 \u00a0 ACCION DE TUTELA CONTRA PROVIDENCIAS JUDICIALES-Procedencia excepcional s\u00f3lo cuando \u00e9stas constituyen claras vulneraciones de derechos fundamentales\/ACCION DE TUTELA CONTRA PROVIDENCIAS JUDICIALES-Improcedencia cuando \u00e9stas constituyen ejercicio leg\u00edtimo de facultad de valoraci\u00f3n de pruebas y aplicaci\u00f3n de la ley al caso \u00a0 Si bien es leg\u00edtima la acci\u00f3n de tutela contra decisiones judiciales, esa legitimidad s\u00f3lo se mantiene a condici\u00f3n de que los jueces constitucionales interfieran s\u00f3lo aquellas decisiones que constituyan claras vulneraciones de derechos fundamentales y que lo hagan de tal manera que se ocupen s\u00f3lo de dispensar la protecci\u00f3n que tales derechos demandan. \u00a0De lo ...<br \/><div class=\"pt-cv-rmwrap\"><a href=\"https:\/\/www.dmsjuridica.com\/buscador_20179478954\/corteconstitucionalcronologico202454587\/t-226-05\/\" class=\"_self pt-cv-readmore btn btn-success\" target=\"_self\">Ver Sentencia Completa...<\/a><\/div><\/div><\/div><\/div>\n<div class=\"col-md-12 col-sm-12 col-xs-12 pt-cv-content-item pt-cv-1-col\" ><div class='pt-cv-ifield'><a href=\"https:\/\/www.dmsjuridica.com\/buscador_20179478954\/corteconstitucionalcronologico202454587\/t-225-05\/\" class=\"_self pt-cv-href-thumbnail pt-cv-thumb-default\" target=\"_self\" ><\/a>\n<div class=\"pt-cv-taxoterm above_title\"><a href='https:\/\/www.dmsjuridica.com\/buscador_20179478954\/corteconstitucionalcronologico202454587\/category\/buscar-en-toda-la-corte\/2005\/tutelas-2005\/' title='Tutelas 2005' class='pt-cv-tax-tutelas-2005'>Tutelas 2005<\/a><\/div>\n<h4 class=\"pt-cv-title\"><a href=\"https:\/\/www.dmsjuridica.com\/buscador_20179478954\/corteconstitucionalcronologico202454587\/t-225-05\/\" class=\"_self\" target=\"_self\" >T-225-05<\/a><\/h4>\n<div class=\"pt-cv-content\">\u00a0 \u00a0 Sentencia T-225\/05 \u00a0 PRINCIPIO Y DEBER DE SOLIDARIDAD DEL ESTADO-Concepto \u00a0 SUBSIDIO ALIMENTARIO A INDIGENTES \u00a0 ANCIANOS INDIGENTES-Protecci\u00f3n especial \u00a0 Entre quienes se encuentran en situaci\u00f3n de extrema pobreza, merecen especial atenci\u00f3n los ancianos indigentes, adultos mayores que se encuentran en estas circunstancias: i) no tienen ingresos o que los perciben en cuant\u00eda inferior al salario m\u00ednimo mensual; ii) su cobertura de seguridad social es limitada o inequitativa o no la tiene; y iii) \u00a0debido a sus altos \u00edndices de desnutrici\u00f3n sus condiciones de vida se ven agudizadas, siendo muy vulnerables pues sus capacidades est\u00e1n disminuidas y no ...<br \/><div class=\"pt-cv-rmwrap\"><a href=\"https:\/\/www.dmsjuridica.com\/buscador_20179478954\/corteconstitucionalcronologico202454587\/t-225-05\/\" class=\"_self pt-cv-readmore btn btn-success\" target=\"_self\">Ver Sentencia Completa...<\/a><\/div><\/div><\/div><\/div>\n<div class=\"col-md-12 col-sm-12 col-xs-12 pt-cv-content-item pt-cv-1-col\" ><div class='pt-cv-ifield'><a href=\"https:\/\/www.dmsjuridica.com\/buscador_20179478954\/corteconstitucionalcronologico202454587\/t-224-05\/\" class=\"_self pt-cv-href-thumbnail pt-cv-thumb-default\" target=\"_self\" ><\/a>\n<div class=\"pt-cv-taxoterm above_title\"><a href='https:\/\/www.dmsjuridica.com\/buscador_20179478954\/corteconstitucionalcronologico202454587\/category\/buscar-en-toda-la-corte\/2005\/tutelas-2005\/' title='Tutelas 2005' class='pt-cv-tax-tutelas-2005'>Tutelas 2005<\/a><\/div>\n<h4 class=\"pt-cv-title\"><a href=\"https:\/\/www.dmsjuridica.com\/buscador_20179478954\/corteconstitucionalcronologico202454587\/t-224-05\/\" class=\"_self\" target=\"_self\" >T-224-05<\/a><\/h4>\n<div class=\"pt-cv-content\">\u00a0 \u00a0 Sentencia T-224\/05 \u00a0 DERECHO A LA ALIMENTACION EQUILIBRADA DE BEBE \u00a0 El art\u00edculo 44 de la Carta tambi\u00e9n establece que la alimentaci\u00f3n equilibrada de los ni\u00f1os constituye un derecho fundamental, lo cual se explica en virtud de la importancia que para el desarrollo psicof\u00edsico de toda persona supone una adecuada nutrici\u00f3n durante sus primeros a\u00f1os, puesto que ella se proyectar\u00e1 lo largo de toda la vida. Conviene entonces tener presente que \u201cdel ni\u00f1o que hoy es desprovisto de sus derechos fundamentales no cabe esperar el ser integral y libre del ma\u00f1ana\u201d. Adicionalmente, es preciso se\u00f1alar que en el ...<br \/><div class=\"pt-cv-rmwrap\"><a href=\"https:\/\/www.dmsjuridica.com\/buscador_20179478954\/corteconstitucionalcronologico202454587\/t-224-05\/\" class=\"_self pt-cv-readmore btn btn-success\" target=\"_self\">Ver Sentencia Completa...<\/a><\/div><\/div><\/div><\/div>\n<div class=\"col-md-12 col-sm-12 col-xs-12 pt-cv-content-item pt-cv-1-col\" ><div class='pt-cv-ifield'><a href=\"https:\/\/www.dmsjuridica.com\/buscador_20179478954\/corteconstitucionalcronologico202454587\/t-223-05\/\" class=\"_self pt-cv-href-thumbnail pt-cv-thumb-default\" target=\"_self\" ><\/a>\n<div class=\"pt-cv-taxoterm above_title\"><a href='https:\/\/www.dmsjuridica.com\/buscador_20179478954\/corteconstitucionalcronologico202454587\/category\/buscar-en-toda-la-corte\/2005\/tutelas-2005\/' title='Tutelas 2005' class='pt-cv-tax-tutelas-2005'>Tutelas 2005<\/a><\/div>\n<h4 class=\"pt-cv-title\"><a href=\"https:\/\/www.dmsjuridica.com\/buscador_20179478954\/corteconstitucionalcronologico202454587\/t-223-05\/\" class=\"_self\" target=\"_self\" >T-223-05<\/a><\/h4>\n<div class=\"pt-cv-content\">\u00a0 \u00a0 Sentencia T-223\/05 \u00a0 AGENCIA OFICIOSA EN TUTELA-Hermana en representaci\u00f3n de hermana \u00a0 DERECHO A LA SALUD-Participante vinculada del SGSSS\/ADMINISTRADORA DEL REGIMEN SUBSIDIADO-Afiliaci\u00f3n no puede ordenarse por tutela \u00a0 La acci\u00f3n de tutela es improcedente, por regla general, para ordenar la afiliaci\u00f3n de un individuo a una ARS, ya que la misma est\u00e1 sujeta a tr\u00e1mites administrativos que no se pueden omitir. Sin embargo, el juez constitucional debe velar que los participantes vinculados al sistema reciban, a\u00fan sin la asignaci\u00f3n de una administradora, la prestaci\u00f3n de los servicios en salud en todas las entidades p\u00fablicas que tengan contrato con ...<br \/><div class=\"pt-cv-rmwrap\"><a href=\"https:\/\/www.dmsjuridica.com\/buscador_20179478954\/corteconstitucionalcronologico202454587\/t-223-05\/\" class=\"_self pt-cv-readmore btn btn-success\" target=\"_self\">Ver Sentencia Completa...<\/a><\/div><\/div><\/div><\/div>\n<div class=\"col-md-12 col-sm-12 col-xs-12 pt-cv-content-item pt-cv-1-col\" ><div class='pt-cv-ifield'><a href=\"https:\/\/www.dmsjuridica.com\/buscador_20179478954\/corteconstitucionalcronologico202454587\/t-222-05\/\" class=\"_self pt-cv-href-thumbnail pt-cv-thumb-default\" target=\"_self\" ><\/a>\n<div class=\"pt-cv-taxoterm above_title\"><a href='https:\/\/www.dmsjuridica.com\/buscador_20179478954\/corteconstitucionalcronologico202454587\/category\/buscar-en-toda-la-corte\/2005\/tutelas-2005\/' title='Tutelas 2005' class='pt-cv-tax-tutelas-2005'>Tutelas 2005<\/a><\/div>\n<h4 class=\"pt-cv-title\"><a href=\"https:\/\/www.dmsjuridica.com\/buscador_20179478954\/corteconstitucionalcronologico202454587\/t-222-05\/\" class=\"_self\" target=\"_self\" >T-222-05<\/a><\/h4>\n<div class=\"pt-cv-content\">INSUBSISTENCIA EN CARGO EN PROVISIONALIDAD DE LA FISCALIA GENERAL DE LA NACION-Procedencia de tutela \u00a0 DERECHO A LA ESTABILIDAD LABORAL-Cargos de carrera administrativa\/DERECHO A LA ESTABILIDAD LABORAL-No se reduce por ocupar cargo de carrera administrativa en provisionalidad cuando no se ha hecho concurso \u00a0 DEBIDO PROCESO ADMINISTRATIVO-Vulneraci\u00f3n por no motivaci\u00f3n de acto de retiro del servicio \u00a0 REINTEGRO-Improcedencia por cuanto no se demostr\u00f3 afectaci\u00f3n de derechos fundamentales ni perjuicio irremediable\/REINTEGRO-Improcedencia por cuanto no es persona de especial protecci\u00f3n, ni se encuentra en situaci\u00f3n de debilidad manifiesta \u00a0 En cuanto a su petici\u00f3n de reintegro, considera la Sala que la misma ...<br \/><div class=\"pt-cv-rmwrap\"><a href=\"https:\/\/www.dmsjuridica.com\/buscador_20179478954\/corteconstitucionalcronologico202454587\/t-222-05\/\" class=\"_self pt-cv-readmore btn btn-success\" target=\"_self\">Ver Sentencia Completa...<\/a><\/div><\/div><\/div><\/div>\n<div class=\"col-md-12 col-sm-12 col-xs-12 pt-cv-content-item pt-cv-1-col\" ><div class='pt-cv-ifield'><a href=\"https:\/\/www.dmsjuridica.com\/buscador_20179478954\/corteconstitucionalcronologico202454587\/t-221-05\/\" class=\"_self pt-cv-href-thumbnail pt-cv-thumb-default\" target=\"_self\" ><\/a>\n<div class=\"pt-cv-taxoterm above_title\"><a href='https:\/\/www.dmsjuridica.com\/buscador_20179478954\/corteconstitucionalcronologico202454587\/category\/buscar-en-toda-la-corte\/2005\/tutelas-2005\/' title='Tutelas 2005' class='pt-cv-tax-tutelas-2005'>Tutelas 2005<\/a><\/div>\n<h4 class=\"pt-cv-title\"><a href=\"https:\/\/www.dmsjuridica.com\/buscador_20179478954\/corteconstitucionalcronologico202454587\/t-221-05\/\" class=\"_self\" target=\"_self\" >T-221-05<\/a><\/h4>\n<div class=\"pt-cv-content\">\u00a0 \u00a0 Sentencia T-221\/05 \u00a0 LICENCIA DE MATERNIDAD-Necesidad de establecer periodo de gestaci\u00f3n para el pago\/MEDIO DE DEFENSA JUDICIAL-Necesidad de establecer periodo de gestaci\u00f3n \u00a0 LICENCIA DE MATERNIDAD-Reglas para reconocimiento y pago \u00a0 Las reglas que la jurisprudencia de esta Corporaci\u00f3n ha delineado para la procedencia de una acci\u00f3n de tutela orientada al pago de una licencia de maternidad son las siguientes: a) En principio se trata de un derecho prestacional y, en consecuencia, no susceptible de proteger por v\u00eda del amparo constitucional. \u00a0No obstante, cuando se halla en relaci\u00f3n inescindible con otros derechos fundamentales de la madre o del ...<br \/><div class=\"pt-cv-rmwrap\"><a href=\"https:\/\/www.dmsjuridica.com\/buscador_20179478954\/corteconstitucionalcronologico202454587\/t-221-05\/\" class=\"_self pt-cv-readmore btn btn-success\" target=\"_self\">Ver Sentencia Completa...<\/a><\/div><\/div><\/div><\/div>\n<div class=\"col-md-12 col-sm-12 col-xs-12 pt-cv-content-item pt-cv-1-col\" ><div class='pt-cv-ifield'><a href=\"https:\/\/www.dmsjuridica.com\/buscador_20179478954\/corteconstitucionalcronologico202454587\/t-220-05\/\" class=\"_self pt-cv-href-thumbnail pt-cv-thumb-default\" target=\"_self\" ><\/a>\n<div class=\"pt-cv-taxoterm above_title\"><a href='https:\/\/www.dmsjuridica.com\/buscador_20179478954\/corteconstitucionalcronologico202454587\/category\/buscar-en-toda-la-corte\/2005\/tutelas-2005\/' title='Tutelas 2005' class='pt-cv-tax-tutelas-2005'>Tutelas 2005<\/a><\/div>\n<h4 class=\"pt-cv-title\"><a href=\"https:\/\/www.dmsjuridica.com\/buscador_20179478954\/corteconstitucionalcronologico202454587\/t-220-05\/\" class=\"_self\" target=\"_self\" >T-220-05<\/a><\/h4>\n<div class=\"pt-cv-content\">\u00a0 \u00a0 Sentencia T-220\/05 \u00a0 ACCION DE TUTELA CONTRA PROVIDENCIAS JUDICIALES POR VIA DE HECHO-Improcedencia por no ejercicio oportuno de recurso de apelaci\u00f3n en proceso laboral\u00a0 \u00a0 Esta Sala advierte que aunque la tutela es excepcionalmente procedente para impugnar la providencia judicial constitutiva de v\u00eda de hecho, resulta indispensable que el tutelante haya agotado los recursos ordinarios ofrecidos por el ordenamiento jur\u00eddico. En caso contrario, la procedencia se desvirt\u00faa y no es viable acudir a la acci\u00f3n constitucional del art\u00edculo 86 para impugnar la decisi\u00f3n. el tutelante pretende utilizar la acci\u00f3n constitucional como mecanismo de protecci\u00f3n de su derecho al ...<br \/><div class=\"pt-cv-rmwrap\"><a href=\"https:\/\/www.dmsjuridica.com\/buscador_20179478954\/corteconstitucionalcronologico202454587\/t-220-05\/\" class=\"_self pt-cv-readmore btn btn-success\" target=\"_self\">Ver Sentencia Completa...<\/a><\/div><\/div><\/div><\/div>\n<div class=\"col-md-12 col-sm-12 col-xs-12 pt-cv-content-item pt-cv-1-col\" ><div class='pt-cv-ifield'><a href=\"https:\/\/www.dmsjuridica.com\/buscador_20179478954\/corteconstitucionalcronologico202454587\/t-219-05\/\" class=\"_self pt-cv-href-thumbnail pt-cv-thumb-default\" target=\"_self\" ><\/a>\n<div class=\"pt-cv-taxoterm above_title\"><a href='https:\/\/www.dmsjuridica.com\/buscador_20179478954\/corteconstitucionalcronologico202454587\/category\/buscar-en-toda-la-corte\/2005\/tutelas-2005\/' title='Tutelas 2005' class='pt-cv-tax-tutelas-2005'>Tutelas 2005<\/a><\/div>\n<h4 class=\"pt-cv-title\"><a href=\"https:\/\/www.dmsjuridica.com\/buscador_20179478954\/corteconstitucionalcronologico202454587\/t-219-05\/\" class=\"_self\" target=\"_self\" >T-219-05<\/a><\/h4>\n<div class=\"pt-cv-content\">\u00a0 \u00a0 Sentencia T-219\/05 \u00a0 DERECHO A LA SALUD-Eventos en que adquiere el car\u00e1cter de fundamental \u00a0 La Corte ha indicado que este derecho, no obstante su car\u00e1cter prevalentemente prestacional, adquiere el car\u00e1cter de fundamental en tres eventos: En primer lugar, respecto de los m\u00ednimos de atenci\u00f3n y satisfacci\u00f3n obligatorios que derivan de los pactos y tratados internacionales; en segundo lugar, en relaci\u00f3n con los contenidos que han sido establecidos y desarrollados por el ordenamiento, pues en este \u00faltimo caso se supera la etapa de indeterminaci\u00f3n que impide la traducibilidad del derecho a la salud en un derecho subjetivo; y, ...<br \/><div class=\"pt-cv-rmwrap\"><a href=\"https:\/\/www.dmsjuridica.com\/buscador_20179478954\/corteconstitucionalcronologico202454587\/t-219-05\/\" class=\"_self pt-cv-readmore btn btn-success\" target=\"_self\">Ver Sentencia Completa...<\/a><\/div><\/div><\/div><\/div>\n<div class=\"col-md-12 col-sm-12 col-xs-12 pt-cv-content-item pt-cv-1-col\" ><div class='pt-cv-ifield'><a href=\"https:\/\/www.dmsjuridica.com\/buscador_20179478954\/corteconstitucionalcronologico202454587\/t-218-05\/\" class=\"_self pt-cv-href-thumbnail pt-cv-thumb-default\" target=\"_self\" ><\/a>\n<div class=\"pt-cv-taxoterm above_title\"><a href='https:\/\/www.dmsjuridica.com\/buscador_20179478954\/corteconstitucionalcronologico202454587\/category\/buscar-en-toda-la-corte\/2005\/tutelas-2005\/' title='Tutelas 2005' class='pt-cv-tax-tutelas-2005'>Tutelas 2005<\/a><\/div>\n<h4 class=\"pt-cv-title\"><a href=\"https:\/\/www.dmsjuridica.com\/buscador_20179478954\/corteconstitucionalcronologico202454587\/t-218-05\/\" class=\"_self\" target=\"_self\" >T-218-05<\/a><\/h4>\n<div class=\"pt-cv-content\">\u00a0 \u00a0 Sentencia T-218\/05 \u00a0 ACCION DE TUTELA-Inmediatez en caso de cumplimiento de orden de reintegro a cargo \u00a0 De acuerdo con la jurisprudencia de la Corte Constitucional, como la tutela es un mecanismo \u00e1gil que busca la protecci\u00f3n inmediata de los derechos fundamentales, es deber de quien solicita el amparo ejercerla oportunamente, mientras se verifica la afectaci\u00f3n del derecho fundamental. Por ello, en su jurisprudencia, la Corte ha dicho que aunque la acci\u00f3n de tutela no caduca, lo que significa que no puede rechazarse por el paso del tiempo, un lapso prolongado entre la afectaci\u00f3n del derecho y la ...<br \/><div class=\"pt-cv-rmwrap\"><a href=\"https:\/\/www.dmsjuridica.com\/buscador_20179478954\/corteconstitucionalcronologico202454587\/t-218-05\/\" class=\"_self pt-cv-readmore btn btn-success\" target=\"_self\">Ver Sentencia Completa...<\/a><\/div><\/div><\/div><\/div>\n<div class=\"col-md-12 col-sm-12 col-xs-12 pt-cv-content-item pt-cv-1-col\" ><div class='pt-cv-ifield'><a href=\"https:\/\/www.dmsjuridica.com\/buscador_20179478954\/corteconstitucionalcronologico202454587\/t-217-05\/\" class=\"_self pt-cv-href-thumbnail pt-cv-thumb-default\" target=\"_self\" ><\/a>\n<div class=\"pt-cv-taxoterm above_title\"><a href='https:\/\/www.dmsjuridica.com\/buscador_20179478954\/corteconstitucionalcronologico202454587\/category\/buscar-en-toda-la-corte\/2005\/tutelas-2005\/' title='Tutelas 2005' class='pt-cv-tax-tutelas-2005'>Tutelas 2005<\/a><\/div>\n<h4 class=\"pt-cv-title\"><a href=\"https:\/\/www.dmsjuridica.com\/buscador_20179478954\/corteconstitucionalcronologico202454587\/t-217-05\/\" class=\"_self\" target=\"_self\" >T-217-05<\/a><\/h4>\n<div class=\"pt-cv-content\">\u00a0 \u00a0 Sentencia T-217\/05 \u00a0 LEY 546 de 1999-Subreglas que se pueden deducir de \u00e9sta y de la interpretaci\u00f3n que se ha hecho \u00a0 Las subreglas que se pueden deducir de la misma Ley 546 de 1999, y de la interpretaci\u00f3n que esta Corporaci\u00f3n ha hecho de la misma en varias de sus sentencias de tutela y constitucionalidad son las siguientes: Primero. Que los procesos ejecutivos con titulo hipotecario objeto del beneficio ofrecido por la ley 546 de 1999, se hubieren iniciado antes del 31 de diciembre de 1999. Segundo. Que la actitud del actor haya sido diligente en el ...<br \/><div class=\"pt-cv-rmwrap\"><a href=\"https:\/\/www.dmsjuridica.com\/buscador_20179478954\/corteconstitucionalcronologico202454587\/t-217-05\/\" class=\"_self pt-cv-readmore btn btn-success\" target=\"_self\">Ver Sentencia Completa...<\/a><\/div><\/div><\/div><\/div>\n<div class=\"col-md-12 col-sm-12 col-xs-12 pt-cv-content-item pt-cv-1-col\" ><div class='pt-cv-ifield'><a href=\"https:\/\/www.dmsjuridica.com\/buscador_20179478954\/corteconstitucionalcronologico202454587\/t-216-05\/\" class=\"_self pt-cv-href-thumbnail pt-cv-thumb-default\" target=\"_self\" ><\/a>\n<div class=\"pt-cv-taxoterm above_title\"><a href='https:\/\/www.dmsjuridica.com\/buscador_20179478954\/corteconstitucionalcronologico202454587\/category\/buscar-en-toda-la-corte\/2005\/tutelas-2005\/' title='Tutelas 2005' class='pt-cv-tax-tutelas-2005'>Tutelas 2005<\/a><\/div>\n<h4 class=\"pt-cv-title\"><a href=\"https:\/\/www.dmsjuridica.com\/buscador_20179478954\/corteconstitucionalcronologico202454587\/t-216-05\/\" class=\"_self\" target=\"_self\" >T-216-05<\/a><\/h4>\n<div class=\"pt-cv-content\">\u00a0 \u00a0 Sentencia T-216\/05 \u00a0 PRINCIPIO DE AUTONOMIA JUDICIAL Y PRINCIPIO DE PRIMACIA DE LOS DERECHOS FUNDAMENTALES\/NORMA CONSTITUCIONAL-Estructura abierta \u00a0 Las normas constitucionales no tienen la estructura de reglas que se excluyen de manera absoluta y que fungen como premisa mayor autoevidente en la elaboraci\u00f3n de silogismos jur\u00eddicos. Por el contrario, la estructura abierta de tales preceptos vincula al operador jur\u00eddico con la obligaci\u00f3n, no de encontrar una \u00fanica soluci\u00f3n al caso concreto como conclusi\u00f3n necesaria de una deducci\u00f3n, sino de realizar una labor hermen\u00e9utica de ponderaci\u00f3n entre los contenidos normativos en conflicto y justificar, mediante la fundamentaci\u00f3n razonable de ...<br \/><div class=\"pt-cv-rmwrap\"><a href=\"https:\/\/www.dmsjuridica.com\/buscador_20179478954\/corteconstitucionalcronologico202454587\/t-216-05\/\" class=\"_self pt-cv-readmore btn btn-success\" target=\"_self\">Ver Sentencia Completa...<\/a><\/div><\/div><\/div><\/div>\n<div class=\"col-md-12 col-sm-12 col-xs-12 pt-cv-content-item pt-cv-1-col\" ><div class='pt-cv-ifield'><a href=\"https:\/\/www.dmsjuridica.com\/buscador_20179478954\/corteconstitucionalcronologico202454587\/t-215-05\/\" class=\"_self pt-cv-href-thumbnail pt-cv-thumb-default\" target=\"_self\" ><\/a>\n<div class=\"pt-cv-taxoterm above_title\"><a href='https:\/\/www.dmsjuridica.com\/buscador_20179478954\/corteconstitucionalcronologico202454587\/category\/buscar-en-toda-la-corte\/2005\/tutelas-2005\/' title='Tutelas 2005' class='pt-cv-tax-tutelas-2005'>Tutelas 2005<\/a><\/div>\n<h4 class=\"pt-cv-title\"><a href=\"https:\/\/www.dmsjuridica.com\/buscador_20179478954\/corteconstitucionalcronologico202454587\/t-215-05\/\" class=\"_self\" target=\"_self\" >T-215-05<\/a><\/h4>\n<div class=\"pt-cv-content\">\u00a0 \u00a0 Sentencia T-215\/05 \u00a0 NOTIFICACION-Condiciones para que se entienda surtida en debida forma\/NOTIFICACION DE NO ACEPTACION EN ESCUELA DE POLICIA-Al hacerse verbalmente el demandante no pudo agotar v\u00eda gubernativa \u00a0 El art\u00edculo 44 del C\u00f3digo Contencioso Administrativo se\u00f1ala, en punto del deber y forma de la notificaci\u00f3n personal que, \u201cAl hacer la notificaci\u00f3n personal se entregar\u00e1 al notificado copia \u00edntegra, aut\u00e9ntica y gratuita de la decisi\u00f3n, si \u00e9sta es escrita\u201d. Igualmente el art\u00edculo 47 de la misma normatividad prescribe que en el texto de toda notificaci\u00f3n o publicaci\u00f3n deben indicarse (i) los recursos que legalmente proceden contra las decisiones ...<br \/><div class=\"pt-cv-rmwrap\"><a href=\"https:\/\/www.dmsjuridica.com\/buscador_20179478954\/corteconstitucionalcronologico202454587\/t-215-05\/\" class=\"_self pt-cv-readmore btn btn-success\" target=\"_self\">Ver Sentencia Completa...<\/a><\/div><\/div><\/div><\/div>\n<div class=\"col-md-12 col-sm-12 col-xs-12 pt-cv-content-item pt-cv-1-col\" ><div class='pt-cv-ifield'><a href=\"https:\/\/www.dmsjuridica.com\/buscador_20179478954\/corteconstitucionalcronologico202454587\/t-214-05\/\" class=\"_self pt-cv-href-thumbnail pt-cv-thumb-default\" target=\"_self\" ><\/a>\n<div class=\"pt-cv-taxoterm above_title\"><a href='https:\/\/www.dmsjuridica.com\/buscador_20179478954\/corteconstitucionalcronologico202454587\/category\/buscar-en-toda-la-corte\/2005\/tutelas-2005\/' title='Tutelas 2005' class='pt-cv-tax-tutelas-2005'>Tutelas 2005<\/a><\/div>\n<h4 class=\"pt-cv-title\"><a href=\"https:\/\/www.dmsjuridica.com\/buscador_20179478954\/corteconstitucionalcronologico202454587\/t-214-05\/\" class=\"_self\" target=\"_self\" >T-214-05<\/a><\/h4>\n<div class=\"pt-cv-content\">\u00a0 \u00a0 Sentencia T-214\/05 \u00a0 CONTRATO DE PRESTACION DE SERVICIOS Y CONTRATO DE TRABAJO-Diferencias \u00a0 ACCION DE TUTELA Y CONTRATO REALIDAD-Improcedencia para hacerlo valer \u00a0 La procedencia de la acci\u00f3n de tutela para reclamar el reconocimiento de prestaciones de orden laboral, por regla general resulta improcedente; y excepcionalmente ser\u00e1 viable para evitar un perjuicio irremediable, para proteger el derecho al m\u00ednimo vital o para amparar los derechos de personas de la tercera edad. No es procedente la acci\u00f3n de tutela para hacer valer el contrato realidad en esas relaciones, y pretender por esta v\u00eda que se d\u00e9 un reconocimiento de ...<br \/><div class=\"pt-cv-rmwrap\"><a href=\"https:\/\/www.dmsjuridica.com\/buscador_20179478954\/corteconstitucionalcronologico202454587\/t-214-05\/\" class=\"_self pt-cv-readmore btn btn-success\" target=\"_self\">Ver Sentencia Completa...<\/a><\/div><\/div><\/div><\/div>\n<div class=\"col-md-12 col-sm-12 col-xs-12 pt-cv-content-item pt-cv-1-col\" ><div class='pt-cv-ifield'><a href=\"https:\/\/www.dmsjuridica.com\/buscador_20179478954\/corteconstitucionalcronologico202454587\/t-213-05\/\" class=\"_self pt-cv-href-thumbnail pt-cv-thumb-default\" target=\"_self\" ><\/a>\n<div class=\"pt-cv-taxoterm above_title\"><a href='https:\/\/www.dmsjuridica.com\/buscador_20179478954\/corteconstitucionalcronologico202454587\/category\/buscar-en-toda-la-corte\/2005\/tutelas-2005\/' title='Tutelas 2005' class='pt-cv-tax-tutelas-2005'>Tutelas 2005<\/a><\/div>\n<h4 class=\"pt-cv-title\"><a href=\"https:\/\/www.dmsjuridica.com\/buscador_20179478954\/corteconstitucionalcronologico202454587\/t-213-05\/\" class=\"_self\" target=\"_self\" >T-213-05<\/a><\/h4>\n<div class=\"pt-cv-content\">\u00a0 \u00a0 Sentencia T-213\/05 \u00a0 DERECHO DE PETICION EN MATERIA PENSIONAL Y SILENCIO ADMINISTRATIVO NEGATIVO \u00a0 Debe tenerse adem\u00e1s presente que la ocurrencia del silencio administrativo no hace improcedente la acci\u00f3n de tutela, pues la \u00fanica finalidad del silencio administrativo negativo es facilitarle al administrado la posibilidad de acudir ante la jurisdicci\u00f3n para que \u00e9sta resuelva sobre sus pretensiones. Pero tal circunstancia no conlleva a considerar que el silencio administrativo puede equipararse a la resoluci\u00f3n del recurso, pues el derecho de petici\u00f3n sigue vulnerado mientras la administraci\u00f3n no decida de fondo sobre lo recurrido.\u00a0 \u00a0 PRESUNCION DE VERACIDAD EN TUTELA-Cuando ...<br \/><div class=\"pt-cv-rmwrap\"><a href=\"https:\/\/www.dmsjuridica.com\/buscador_20179478954\/corteconstitucionalcronologico202454587\/t-213-05\/\" class=\"_self pt-cv-readmore btn btn-success\" target=\"_self\">Ver Sentencia Completa...<\/a><\/div><\/div><\/div><\/div>\n<div class=\"col-md-12 col-sm-12 col-xs-12 pt-cv-content-item pt-cv-1-col\" ><div class='pt-cv-ifield'><a href=\"https:\/\/www.dmsjuridica.com\/buscador_20179478954\/corteconstitucionalcronologico202454587\/t-212-05\/\" class=\"_self pt-cv-href-thumbnail pt-cv-thumb-default\" target=\"_self\" ><\/a>\n<div class=\"pt-cv-taxoterm above_title\"><a href='https:\/\/www.dmsjuridica.com\/buscador_20179478954\/corteconstitucionalcronologico202454587\/category\/buscar-en-toda-la-corte\/2005\/tutelas-2005\/' title='Tutelas 2005' class='pt-cv-tax-tutelas-2005'>Tutelas 2005<\/a><\/div>\n<h4 class=\"pt-cv-title\"><a href=\"https:\/\/www.dmsjuridica.com\/buscador_20179478954\/corteconstitucionalcronologico202454587\/t-212-05\/\" class=\"_self\" target=\"_self\" >T-212-05<\/a><\/h4>\n<div class=\"pt-cv-content\">\u00a0 \u00a0 Sentencia T-212\/05 \u00a0 ACCION DE TUTELA CONTRA FONDO NACIONAL DEL AHORRO-Procedencia en caso de cr\u00e9dito de secuestrada \u00a0 ACCION DE TUTELA-Inexistencia de temeridad aunque se presentaron dos tutelas \u00a0 DEBER DE SOLIDARIDAD-Acciones positivas en caso de personas secuestradas\/JUEZ CONSTITUCIONAL-Le corresponde mitigar carga que comporta administrar bienes de secuestrados \u00a0 Como lo viene sosteniendo esta Corte, del deber de solidaridad previsto en el art\u00edculo 95 de la Carta Pol\u00edtica se desprende que a todas las personas les compete adelantar acciones positivas, dirigidas a aliviar el dolor y la angustia que afrontan las familias de las personas secuestradas, y en ...<br \/><div class=\"pt-cv-rmwrap\"><a href=\"https:\/\/www.dmsjuridica.com\/buscador_20179478954\/corteconstitucionalcronologico202454587\/t-212-05\/\" class=\"_self pt-cv-readmore btn btn-success\" target=\"_self\">Ver Sentencia Completa...<\/a><\/div><\/div><\/div><\/div>\n<div class=\"col-md-12 col-sm-12 col-xs-12 pt-cv-content-item pt-cv-1-col\" ><div class='pt-cv-ifield'><a href=\"https:\/\/www.dmsjuridica.com\/buscador_20179478954\/corteconstitucionalcronologico202454587\/t-211-05\/\" class=\"_self pt-cv-href-thumbnail pt-cv-thumb-default\" target=\"_self\" ><\/a>\n<div class=\"pt-cv-taxoterm above_title\"><a href='https:\/\/www.dmsjuridica.com\/buscador_20179478954\/corteconstitucionalcronologico202454587\/category\/buscar-en-toda-la-corte\/2005\/tutelas-2005\/' title='Tutelas 2005' class='pt-cv-tax-tutelas-2005'>Tutelas 2005<\/a><\/div>\n<h4 class=\"pt-cv-title\"><a href=\"https:\/\/www.dmsjuridica.com\/buscador_20179478954\/corteconstitucionalcronologico202454587\/t-211-05\/\" class=\"_self\" target=\"_self\" >T-211-05<\/a><\/h4>\n<div class=\"pt-cv-content\">\u00a0 \u00a0 Sentencia T-211\/05 \u00a0 PENSION DE JUBILACION DE EXCONGRESISTA-Requisitos \u00a0 PENSION DE JUBILACION DE EXCONGRESISTA-Antecedentes legislativos \u00a0 PENSION DE JUBILACION DE EXCONGRESISTA-Monto a partir de vigencia de Ley 4 de 1992 \u00a0 Quien ha ejercido el cargo de Congresista, en vigencia de la Ley 4\u00aa de 1992 \u201318 de mayo-, tiene derecho a una pensi\u00f3n de jubilaci\u00f3n no inferior al 75% del ingreso mensual promedio, que durante el \u00faltimo a\u00f1o y por todo concepto devenguen los congresistas en ejercicio, al llegar a los 50 o 55 a\u00f1os de edad \u2013mujer o var\u00f3n respectivamente- y 20 a\u00f1os de servicios continuos ...<br \/><div class=\"pt-cv-rmwrap\"><a href=\"https:\/\/www.dmsjuridica.com\/buscador_20179478954\/corteconstitucionalcronologico202454587\/t-211-05\/\" class=\"_self pt-cv-readmore btn btn-success\" target=\"_self\">Ver Sentencia Completa...<\/a><\/div><\/div><\/div><\/div>\n<div class=\"col-md-12 col-sm-12 col-xs-12 pt-cv-content-item pt-cv-1-col\" ><div class='pt-cv-ifield'><a href=\"https:\/\/www.dmsjuridica.com\/buscador_20179478954\/corteconstitucionalcronologico202454587\/t-210-05\/\" class=\"_self pt-cv-href-thumbnail pt-cv-thumb-default\" target=\"_self\" ><\/a>\n<div class=\"pt-cv-taxoterm above_title\"><a href='https:\/\/www.dmsjuridica.com\/buscador_20179478954\/corteconstitucionalcronologico202454587\/category\/buscar-en-toda-la-corte\/2005\/tutelas-2005\/' title='Tutelas 2005' class='pt-cv-tax-tutelas-2005'>Tutelas 2005<\/a><\/div>\n<h4 class=\"pt-cv-title\"><a href=\"https:\/\/www.dmsjuridica.com\/buscador_20179478954\/corteconstitucionalcronologico202454587\/t-210-05\/\" class=\"_self\" target=\"_self\" >T-210-05<\/a><\/h4>\n<div class=\"pt-cv-content\">\u00a0 \u00a0 Sentencia T-210\/05 \u00a0 ACCION DE TUTELA CONTRA MINISTERIO DE TRANSPORTE-Expedici\u00f3n de certificado laboral \u00a0 DERECHO DE PETICION-Regulaciones constitucionales que puede tener su ejercicio \u00a0 DERECHO DE PETICION-Tesis b\u00e1sicas de la jurisprudencia sobre contenido y alcance \/DERECHO DE PETICION Y DERECHO A LO PEDIDO-Diferencias \u00a0 La jurisprudencia de la Corte Constitucional ha desarrollado las tesis b\u00e1sicas que conforman el contenido y alcance del derecho de petici\u00f3n. En la sentencia T-377 de 2000, se resumieron estos criterios as\u00ed : el derecho de petici\u00f3n es fundamental y determinante para la efectividad de los mecanismos de la democracia participativa; el n\u00facleo esencial ...<br \/><div class=\"pt-cv-rmwrap\"><a href=\"https:\/\/www.dmsjuridica.com\/buscador_20179478954\/corteconstitucionalcronologico202454587\/t-210-05\/\" class=\"_self pt-cv-readmore btn btn-success\" target=\"_self\">Ver Sentencia Completa...<\/a><\/div><\/div><\/div><\/div>\n<div class=\"col-md-12 col-sm-12 col-xs-12 pt-cv-content-item pt-cv-1-col\" ><div class='pt-cv-ifield'><a href=\"https:\/\/www.dmsjuridica.com\/buscador_20179478954\/corteconstitucionalcronologico202454587\/t-209-05\/\" class=\"_self pt-cv-href-thumbnail pt-cv-thumb-default\" target=\"_self\" ><\/a>\n<div class=\"pt-cv-taxoterm above_title\"><a href='https:\/\/www.dmsjuridica.com\/buscador_20179478954\/corteconstitucionalcronologico202454587\/category\/buscar-en-toda-la-corte\/2005\/tutelas-2005\/' title='Tutelas 2005' class='pt-cv-tax-tutelas-2005'>Tutelas 2005<\/a><\/div>\n<h4 class=\"pt-cv-title\"><a href=\"https:\/\/www.dmsjuridica.com\/buscador_20179478954\/corteconstitucionalcronologico202454587\/t-209-05\/\" class=\"_self\" target=\"_self\" >T-209-05<\/a><\/h4>\n<div class=\"pt-cv-content\">\u00a0 \u00a0 Sentencia T-209\/05 \u00a0 DERECHO A LA EDUCACION-Entrega certificado de calificaciones \u00a0 DERECHO A LA EDUCACION-Prohibici\u00f3n retenci\u00f3n de certificado de estudios por no pago de pensi\u00f3n \u00a0 DERECHO A LA EDUCACION-No pago de pensi\u00f3n y situaciones que deben tenerse en cuenta para otorgar protecci\u00f3n constitucional \u00a0 Para otorgar la protecci\u00f3n constitucional en caso de mora en el pago de las pensiones se debe tener en cuenta: 1.- El surgimiento de un hecho durante el a\u00f1o lectivo que afecte econ\u00f3micamente los proveedores de la familia (p\u00e9rdida del empleo, enfermedad grave, quiebra de la empresa, etc.) y que haga razonable la ...<br \/><div class=\"pt-cv-rmwrap\"><a href=\"https:\/\/www.dmsjuridica.com\/buscador_20179478954\/corteconstitucionalcronologico202454587\/t-209-05\/\" class=\"_self pt-cv-readmore btn btn-success\" target=\"_self\">Ver Sentencia Completa...<\/a><\/div><\/div><\/div><\/div>\n<div class=\"col-md-12 col-sm-12 col-xs-12 pt-cv-content-item pt-cv-1-col\" ><div class='pt-cv-ifield'><a href=\"https:\/\/www.dmsjuridica.com\/buscador_20179478954\/corteconstitucionalcronologico202454587\/t-201-05\/\" class=\"_self pt-cv-href-thumbnail pt-cv-thumb-default\" target=\"_self\" ><\/a>\n<div class=\"pt-cv-taxoterm above_title\"><a href='https:\/\/www.dmsjuridica.com\/buscador_20179478954\/corteconstitucionalcronologico202454587\/category\/buscar-en-toda-la-corte\/2005\/tutelas-2005\/' title='Tutelas 2005' class='pt-cv-tax-tutelas-2005'>Tutelas 2005<\/a><\/div>\n<h4 class=\"pt-cv-title\"><a href=\"https:\/\/www.dmsjuridica.com\/buscador_20179478954\/corteconstitucionalcronologico202454587\/t-201-05\/\" class=\"_self\" target=\"_self\" >T-201-05<\/a><\/h4>\n<div class=\"pt-cv-content\">\u00a0 \u00a0 Sentencia T-201\/05 \u00a0 DERECHO A LA SALUD DEL ENFERMO DE SIDA-Suministro de medicamentos y pr\u00e1ctica de ex\u00e1menes m\u00e9dicos \u00a0 La Corte reconoce que los portadores del virus del SIDA son sujetos de especial protecci\u00f3n constitucional, lo que torna su derecho a la salud en un derecho de car\u00e1cter fundamental en conexidad con el de la vida, raz\u00f3n por la cual se garantiza a los nombrados la atenci\u00f3n m\u00e9dica integral y la posibilidad de exigir el suministro de la totalidad del tratamiento ordenado por el m\u00e9dico tratante, en la forma prescrita por \u00e9ste, m\u00e1s a\u00fan cuando el tratamiento incompleto ...<br \/><div class=\"pt-cv-rmwrap\"><a href=\"https:\/\/www.dmsjuridica.com\/buscador_20179478954\/corteconstitucionalcronologico202454587\/t-201-05\/\" class=\"_self pt-cv-readmore btn btn-success\" target=\"_self\">Ver Sentencia Completa...<\/a><\/div><\/div><\/div><\/div>\n<div class=\"col-md-12 col-sm-12 col-xs-12 pt-cv-content-item pt-cv-1-col\" ><div class='pt-cv-ifield'><a href=\"https:\/\/www.dmsjuridica.com\/buscador_20179478954\/corteconstitucionalcronologico202454587\/t-200-05\/\" class=\"_self pt-cv-href-thumbnail pt-cv-thumb-default\" target=\"_self\" ><\/a>\n<div class=\"pt-cv-taxoterm above_title\"><a href='https:\/\/www.dmsjuridica.com\/buscador_20179478954\/corteconstitucionalcronologico202454587\/category\/buscar-en-toda-la-corte\/2005\/tutelas-2005\/' title='Tutelas 2005' class='pt-cv-tax-tutelas-2005'>Tutelas 2005<\/a><\/div>\n<h4 class=\"pt-cv-title\"><a href=\"https:\/\/www.dmsjuridica.com\/buscador_20179478954\/corteconstitucionalcronologico202454587\/t-200-05\/\" class=\"_self\" target=\"_self\" >T-200-05<\/a><\/h4>\n<div class=\"pt-cv-content\">\u00a0 \u00a0 Sentencia T-200\/05 \u00a0 DERECHO DE PETICION EN MATERIA PENSIONAL-T\u00e9rminos para resolver sustituci\u00f3n pensional en caso de persona inv\u00e1lida \u00a0 En lo que se refiere a las pensiones de sobrevivientes - que es el caso objeto de estudio- el t\u00e9rmino m\u00e1ximo que opera para resolver sobre el reconocimiento del derecho a la pensi\u00f3n es de dos meses contados a partir de la radicaci\u00f3n de la solicitud, pues as\u00ed lo dispone la Ley 717 de 2001 que se ocup\u00f3 espec\u00edficamente sobre las pensiones de sobrevivientes. Pero, no obstante, de acuerdo con la jurisprudencia descrita, una cosa es resolver de fondo ...<br \/><div class=\"pt-cv-rmwrap\"><a href=\"https:\/\/www.dmsjuridica.com\/buscador_20179478954\/corteconstitucionalcronologico202454587\/t-200-05\/\" class=\"_self pt-cv-readmore btn btn-success\" target=\"_self\">Ver Sentencia Completa...<\/a><\/div><\/div><\/div><\/div>\n<div class=\"col-md-12 col-sm-12 col-xs-12 pt-cv-content-item pt-cv-1-col\" ><div class='pt-cv-ifield'><a href=\"https:\/\/www.dmsjuridica.com\/buscador_20179478954\/corteconstitucionalcronologico202454587\/t-199-05\/\" class=\"_self pt-cv-href-thumbnail pt-cv-thumb-default\" target=\"_self\" ><\/a>\n<div class=\"pt-cv-taxoterm above_title\"><a href='https:\/\/www.dmsjuridica.com\/buscador_20179478954\/corteconstitucionalcronologico202454587\/category\/buscar-en-toda-la-corte\/2005\/tutelas-2005\/' title='Tutelas 2005' class='pt-cv-tax-tutelas-2005'>Tutelas 2005<\/a><\/div>\n<h4 class=\"pt-cv-title\"><a href=\"https:\/\/www.dmsjuridica.com\/buscador_20179478954\/corteconstitucionalcronologico202454587\/t-199-05\/\" class=\"_self\" target=\"_self\" >T-199-05<\/a><\/h4>\n<div class=\"pt-cv-content\">\u00a0 \u00a0 Sentencia T-199\/05 \u00a0 PROCESO EJECUTIVO HIPOTECARIO-Terminaci\u00f3n al entrar en vigencia Ley 546\/99\u00a0 \u00a0 La Corte ha abundado en razones para explicar por qu\u00e9 raz\u00f3n, tras la expedici\u00f3n de la Sentencia C-955 de 2000, la interpretaci\u00f3n del par\u00e1grafo 3\u00b0 del art\u00edculo 42 de la Ley 546 de 1999 que se acomoda a la Constituci\u00f3n es aquella que indica que, tras la reliquidaci\u00f3n del cr\u00e9dito en UVRS, los procesos ejecutivos seguidos en contra de deudores morosos de cr\u00e9ditos de vivienda adquiridos en UPACS deben darse por terminados. La presencia de la anterior l\u00ednea jurisprudencial vertida por esta Corte y tambi\u00e9n ...<br \/><div class=\"pt-cv-rmwrap\"><a href=\"https:\/\/www.dmsjuridica.com\/buscador_20179478954\/corteconstitucionalcronologico202454587\/t-199-05\/\" class=\"_self pt-cv-readmore btn btn-success\" target=\"_self\">Ver Sentencia Completa...<\/a><\/div><\/div><\/div><\/div>\n<div class=\"col-md-12 col-sm-12 col-xs-12 pt-cv-content-item pt-cv-1-col\" ><div class='pt-cv-ifield'><a href=\"https:\/\/www.dmsjuridica.com\/buscador_20179478954\/corteconstitucionalcronologico202454587\/t-198-05\/\" class=\"_self pt-cv-href-thumbnail pt-cv-thumb-default\" target=\"_self\" ><\/a>\n<div class=\"pt-cv-taxoterm above_title\"><a href='https:\/\/www.dmsjuridica.com\/buscador_20179478954\/corteconstitucionalcronologico202454587\/category\/buscar-en-toda-la-corte\/2005\/tutelas-2005\/' title='Tutelas 2005' class='pt-cv-tax-tutelas-2005'>Tutelas 2005<\/a><\/div>\n<h4 class=\"pt-cv-title\"><a href=\"https:\/\/www.dmsjuridica.com\/buscador_20179478954\/corteconstitucionalcronologico202454587\/t-198-05\/\" class=\"_self\" target=\"_self\" >T-198-05<\/a><\/h4>\n<div class=\"pt-cv-content\">\u00a0 \u00a0 Sentencia T-198\/05 \u00a0 DERECHO A LA SALUD DEL ENFERMO DE SIDA-Pr\u00e1ctica de ex\u00e1menes \u00a0 ACCION DE TUTELA-Hecho superado por atenci\u00f3n m\u00e9dica \u00a0 La Sala considera que con el escrito dirigido al Juez de Primera instancia, est\u00e1 demostrando que est\u00e1 brindando la atenci\u00f3n en salud al accionante. Tambi\u00e9n existe el escrito del accionante donde manifest\u00f3 que est\u00e1 siendo atendido por la E.P.S. Servicio Occidental de Salud de Cali. En el presente caso existe carencia de objeto. Asimismo se tiene que los hechos que generaron la acci\u00f3n de tutela, cesaron, en tanto que la E.P.S. Servicio Occidental de Salud de ...<br \/><div class=\"pt-cv-rmwrap\"><a href=\"https:\/\/www.dmsjuridica.com\/buscador_20179478954\/corteconstitucionalcronologico202454587\/t-198-05\/\" class=\"_self pt-cv-readmore btn btn-success\" target=\"_self\">Ver Sentencia Completa...<\/a><\/div><\/div><\/div><\/div>\n<div class=\"col-md-12 col-sm-12 col-xs-12 pt-cv-content-item pt-cv-1-col\" ><div class='pt-cv-ifield'><a href=\"https:\/\/www.dmsjuridica.com\/buscador_20179478954\/corteconstitucionalcronologico202454587\/t-197-05\/\" class=\"_self pt-cv-href-thumbnail pt-cv-thumb-default\" target=\"_self\" ><\/a>\n<div class=\"pt-cv-taxoterm above_title\"><a href='https:\/\/www.dmsjuridica.com\/buscador_20179478954\/corteconstitucionalcronologico202454587\/category\/buscar-en-toda-la-corte\/2005\/tutelas-2005\/' title='Tutelas 2005' class='pt-cv-tax-tutelas-2005'>Tutelas 2005<\/a><\/div>\n<h4 class=\"pt-cv-title\"><a href=\"https:\/\/www.dmsjuridica.com\/buscador_20179478954\/corteconstitucionalcronologico202454587\/t-197-05\/\" class=\"_self\" target=\"_self\" >T-197-05<\/a><\/h4>\n<div class=\"pt-cv-content\">\u00a0 \u00a0 Sentencia T-197\/05 \u00a0 ACCION DE TUTELA CONTRA PARTICULARES-Relaci\u00f3n asociado frente a subdirectiva sindical \u00a0 SINDICATO-Inexistencia de indefensi\u00f3n por expulsi\u00f3n de asociado \u00a0 MEDIO DE DEFENSA-Expulsi\u00f3n asociado de sindicato\u00a0 \u00a0 Referencia: T-1005829 \u00a0 Peticionario: Cesar Noguera Escorcia, subdirectiva seccional Barranquilla \u00a0 Accionado: Sindicato Nacional de la Salud y Seguridad Social \u00a0 Magistrado Ponente:\u00a0 \u00a0 Dr. MARCO GERARDO MONROY CABRA \u00a0 Bogot\u00e1 D.C., tres (3) de marzo de dos mil cinco (2005) \u00a0 La Sala Sexta de la Corte Constitucional, integrada por los Magistrados Humberto Sierra Porto, \u00c1lvaro Tafur Galvis y Marco Gerardo Monroy Cabra, quien la preside, \u00a0en ejercicio ...<br \/><div class=\"pt-cv-rmwrap\"><a href=\"https:\/\/www.dmsjuridica.com\/buscador_20179478954\/corteconstitucionalcronologico202454587\/t-197-05\/\" class=\"_self pt-cv-readmore btn btn-success\" target=\"_self\">Ver Sentencia Completa...<\/a><\/div><\/div><\/div><\/div>\n<div class=\"col-md-12 col-sm-12 col-xs-12 pt-cv-content-item pt-cv-1-col\" ><div class='pt-cv-ifield'><a href=\"https:\/\/www.dmsjuridica.com\/buscador_20179478954\/corteconstitucionalcronologico202454587\/t-196-05\/\" class=\"_self pt-cv-href-thumbnail pt-cv-thumb-default\" target=\"_self\" ><\/a>\n<div class=\"pt-cv-taxoterm above_title\"><a href='https:\/\/www.dmsjuridica.com\/buscador_20179478954\/corteconstitucionalcronologico202454587\/category\/buscar-en-toda-la-corte\/2005\/tutelas-2005\/' title='Tutelas 2005' class='pt-cv-tax-tutelas-2005'>Tutelas 2005<\/a><\/div>\n<h4 class=\"pt-cv-title\"><a href=\"https:\/\/www.dmsjuridica.com\/buscador_20179478954\/corteconstitucionalcronologico202454587\/t-196-05\/\" class=\"_self\" target=\"_self\" >T-196-05<\/a><\/h4>\n<div class=\"pt-cv-content\">\u00a0 \u00a0 Sentencia T-196\/05 \u00a0 ACCION DE TUTELA-Hecho superado por pago de mesadas pensionales a estudiante beneficiario \u00a0 SENTENCIA DE TUTELA Y PRECEDENTE JUDICIAL-Este debe ser respetado por el car\u00e1cter objetivo que \u00e9sta tiene \u00a0 Esta Sala precisa que las sentencias de tutela proferidas por la Salas de revisi\u00f3n de la Corte Constitucional deben ser respetadas si constituyen precedente para otros casos; es decir, por el car\u00e1cter objetivo de la acci\u00f3n de tutela las Sentencias de la Corte Constitucional, no s\u00f3lo sirven para la protecci\u00f3n del derecho subjetivo del accionante con los consecuentes efectos inter partes, sino que tambi\u00e9n determina ...<br \/><div class=\"pt-cv-rmwrap\"><a href=\"https:\/\/www.dmsjuridica.com\/buscador_20179478954\/corteconstitucionalcronologico202454587\/t-196-05\/\" class=\"_self pt-cv-readmore btn btn-success\" target=\"_self\">Ver Sentencia Completa...<\/a><\/div><\/div><\/div><\/div>\n<div class=\"col-md-12 col-sm-12 col-xs-12 pt-cv-content-item pt-cv-1-col\" ><div class='pt-cv-ifield'><a href=\"https:\/\/www.dmsjuridica.com\/buscador_20179478954\/corteconstitucionalcronologico202454587\/t-190-05\/\" class=\"_self pt-cv-href-thumbnail pt-cv-thumb-default\" target=\"_self\" ><\/a>\n<div class=\"pt-cv-taxoterm above_title\"><a href='https:\/\/www.dmsjuridica.com\/buscador_20179478954\/corteconstitucionalcronologico202454587\/category\/buscar-en-toda-la-corte\/2005\/tutelas-2005\/' title='Tutelas 2005' class='pt-cv-tax-tutelas-2005'>Tutelas 2005<\/a><\/div>\n<h4 class=\"pt-cv-title\"><a href=\"https:\/\/www.dmsjuridica.com\/buscador_20179478954\/corteconstitucionalcronologico202454587\/t-190-05\/\" class=\"_self\" target=\"_self\" >T-190-05<\/a><\/h4>\n<div class=\"pt-cv-content\">\u00a0 \u00a0 Sentencia T-190\/05 \u00a0 ACCION DE TUTELA CONTRA COOPERATIVA DE TRABAJO ASOCIADO-No se demostr\u00f3 el estado de subordinaci\u00f3n e indefensi\u00f3n \u00a0 Las accionantes no se encuentran en estado de subordinaci\u00f3n e indefensi\u00f3n. Est\u00e1 acreditado de forma sumaria con los documentos allegados a la actuaci\u00f3n que las demandantes suscribieron un convenio de trabajo asociado con la citada Cooperativa en raz\u00f3n del cual prestaban sus servicios como capacitadoras a Redes y Comunicaciones Ltda. As\u00ed, no est\u00e1 demostrada la existencia de una relaci\u00f3n jur\u00eddico laboral entre los sujetos en controversia, que brinden certeza sobre el estado de subordinaci\u00f3n de las accionantes frente ...<br \/><div class=\"pt-cv-rmwrap\"><a href=\"https:\/\/www.dmsjuridica.com\/buscador_20179478954\/corteconstitucionalcronologico202454587\/t-190-05\/\" class=\"_self pt-cv-readmore btn btn-success\" target=\"_self\">Ver Sentencia Completa...<\/a><\/div><\/div><\/div><\/div>\n<div class=\"col-md-12 col-sm-12 col-xs-12 pt-cv-content-item pt-cv-1-col\" ><div class='pt-cv-ifield'><a href=\"https:\/\/www.dmsjuridica.com\/buscador_20179478954\/corteconstitucionalcronologico202454587\/t-189-05\/\" class=\"_self pt-cv-href-thumbnail pt-cv-thumb-default\" target=\"_self\" ><\/a>\n<div class=\"pt-cv-taxoterm above_title\"><a href='https:\/\/www.dmsjuridica.com\/buscador_20179478954\/corteconstitucionalcronologico202454587\/category\/buscar-en-toda-la-corte\/2005\/tutelas-2005\/' title='Tutelas 2005' class='pt-cv-tax-tutelas-2005'>Tutelas 2005<\/a><\/div>\n<h4 class=\"pt-cv-title\"><a href=\"https:\/\/www.dmsjuridica.com\/buscador_20179478954\/corteconstitucionalcronologico202454587\/t-189-05\/\" class=\"_self\" target=\"_self\" >T-189-05<\/a><\/h4>\n<div class=\"pt-cv-content\">\u00a0 \u00a0 Sentencia T-189\/05 \u00a0 ACCION DE TUTELA CONTRA PROVIDENCIAS JUDICIALES-Ajuste terminol\u00f3gico\/VIA DE HECHO-Expresi\u00f3n que se ha reemplazado por la de causales gen\u00e9ricas de procedibilidad de la tutela\u00a0 \u00a0 En los \u00faltimos a\u00f1os se ha venido presentando una evoluci\u00f3n de la jurisprudencia constitucional acerca de las situaciones que hacen viable la acci\u00f3n de tutela contra providencias judiciales. Este desarrollo ha conducido a la conclusi\u00f3n de que las sentencias judiciales pueden ser atacadas mediante la acci\u00f3n de tutela por causa de otros defectos adicionales, y de que, dado que esos nuevos defectos no implican que la sentencia sea necesariamente una \u201cviolaci\u00f3n ...<br \/><div class=\"pt-cv-rmwrap\"><a href=\"https:\/\/www.dmsjuridica.com\/buscador_20179478954\/corteconstitucionalcronologico202454587\/t-189-05\/\" class=\"_self pt-cv-readmore btn btn-success\" target=\"_self\">Ver Sentencia Completa...<\/a><\/div><\/div><\/div><\/div>\n<div class=\"col-md-12 col-sm-12 col-xs-12 pt-cv-content-item pt-cv-1-col\" ><div class='pt-cv-ifield'><a href=\"https:\/\/www.dmsjuridica.com\/buscador_20179478954\/corteconstitucionalcronologico202454587\/t-188-05\/\" class=\"_self pt-cv-href-thumbnail pt-cv-thumb-default\" target=\"_self\" ><\/a>\n<div class=\"pt-cv-taxoterm above_title\"><a href='https:\/\/www.dmsjuridica.com\/buscador_20179478954\/corteconstitucionalcronologico202454587\/category\/buscar-en-toda-la-corte\/2005\/tutelas-2005\/' title='Tutelas 2005' class='pt-cv-tax-tutelas-2005'>Tutelas 2005<\/a><\/div>\n<h4 class=\"pt-cv-title\"><a href=\"https:\/\/www.dmsjuridica.com\/buscador_20179478954\/corteconstitucionalcronologico202454587\/t-188-05\/\" class=\"_self\" target=\"_self\" >T-188-05<\/a><\/h4>\n<div class=\"pt-cv-content\">\u00a0 \u00a0 Sentencia T-188\/05\u00a0 \u00a0 ACCION DE TUTELA CONTRA EMPRESA DE MEDICINA PREPAGADA-Es requisito que el tratamiento o medicamento est\u00e9 determinado por el m\u00e9dico tratante \u00a0 El \u00faltimo de los requisitos contenidos en la regla jurisprudencial expuesta es que el f\u00e1rmaco o tratamiento que requiere el usuario del servicio de salud haya sido ordenado por un m\u00e9dico adscrito a la entidad prestadora correspondiente. La Corte define a ese profesional como el \u201cvinculado laboralmente a la respectiva EPS que examine como m\u00e9dico general o como m\u00e9dico especialista al respectivo paciente\u201d, por lo que se concluye que \u201cde no provenir la prescripci\u00f3n ...<br \/><div class=\"pt-cv-rmwrap\"><a href=\"https:\/\/www.dmsjuridica.com\/buscador_20179478954\/corteconstitucionalcronologico202454587\/t-188-05\/\" class=\"_self pt-cv-readmore btn btn-success\" target=\"_self\">Ver Sentencia Completa...<\/a><\/div><\/div><\/div><\/div>\n<div class=\"col-md-12 col-sm-12 col-xs-12 pt-cv-content-item pt-cv-1-col\" ><div class='pt-cv-ifield'><a href=\"https:\/\/www.dmsjuridica.com\/buscador_20179478954\/corteconstitucionalcronologico202454587\/t-187-05\/\" class=\"_self pt-cv-href-thumbnail pt-cv-thumb-default\" target=\"_self\" ><\/a>\n<div class=\"pt-cv-taxoterm above_title\"><a href='https:\/\/www.dmsjuridica.com\/buscador_20179478954\/corteconstitucionalcronologico202454587\/category\/buscar-en-toda-la-corte\/2005\/tutelas-2005\/' title='Tutelas 2005' class='pt-cv-tax-tutelas-2005'>Tutelas 2005<\/a><\/div>\n<h4 class=\"pt-cv-title\"><a href=\"https:\/\/www.dmsjuridica.com\/buscador_20179478954\/corteconstitucionalcronologico202454587\/t-187-05\/\" class=\"_self\" target=\"_self\" >T-187-05<\/a><\/h4>\n<div class=\"pt-cv-content\">\u00a0 \u00a0 Sentencia T-187\/05\u00a0 \u00a0 DERECHO A LA SALUD DEL ENFERMO DE SIDA-Improcedencia de tutela por cuanto demandante no est\u00e1 afiliado a EPS demandada \u00a0 En el presente caso la acci\u00f3n de tutela no est\u00e1 llamada a prosperar debido a que la misma se dirigi\u00f3 contra una entidad que no est\u00e1 obligada a prestar el servicio solicitado y en cuya conducta no puede apreciarse ninguna violaci\u00f3n de los derechos fundamentales del accionante. En efecto, a partir de la informaci\u00f3n que obra en el expediente se puede concluir que la EPS demandada suministr\u00f3 la atenci\u00f3n m\u00e9dica requerida por el actor, seg\u00fan ...<br \/><div class=\"pt-cv-rmwrap\"><a href=\"https:\/\/www.dmsjuridica.com\/buscador_20179478954\/corteconstitucionalcronologico202454587\/t-187-05\/\" class=\"_self pt-cv-readmore btn btn-success\" target=\"_self\">Ver Sentencia Completa...<\/a><\/div><\/div><\/div><\/div>\n<div class=\"col-md-12 col-sm-12 col-xs-12 pt-cv-content-item pt-cv-1-col\" ><div class='pt-cv-ifield'><a href=\"https:\/\/www.dmsjuridica.com\/buscador_20179478954\/corteconstitucionalcronologico202454587\/t-186-05\/\" class=\"_self pt-cv-href-thumbnail pt-cv-thumb-default\" target=\"_self\" ><\/a>\n<div class=\"pt-cv-taxoterm above_title\"><a href='https:\/\/www.dmsjuridica.com\/buscador_20179478954\/corteconstitucionalcronologico202454587\/category\/buscar-en-toda-la-corte\/2005\/tutelas-2005\/' title='Tutelas 2005' class='pt-cv-tax-tutelas-2005'>Tutelas 2005<\/a><\/div>\n<h4 class=\"pt-cv-title\"><a href=\"https:\/\/www.dmsjuridica.com\/buscador_20179478954\/corteconstitucionalcronologico202454587\/t-186-05\/\" class=\"_self\" target=\"_self\" >T-186-05<\/a><\/h4>\n<div class=\"pt-cv-content\">\u00a0 \u00a0 Sentencia T-186\/05 \u00a0 DERECHOS FUNDAMENTALES DEL NI\u00d1O\/PREVALENCIA DEL INTERES SUPERIOR DEL MENOR \u00a0 ACCION DE TUTELA CONTRA EMPRESA DE MEDICINA PREPAGADA-Procedencia \u00a0 La jurisprudencia de esta Corporaci\u00f3n ha estimado que de manera excepcional procede la acci\u00f3n de tutela contra empresas de medicina prepagada, por tratarse de personas jur\u00eddicas que participan en la prestaci\u00f3n del servicio p\u00fablico de salud, siendo una de las causales de procedencia de la acci\u00f3n de tutela contra particulares (CP. art. 86); por la indefensi\u00f3n en que se encuentran los particulares que contratan con dichas empresas, pues son esas compa\u00f1\u00edas las que representan la parte ...<br \/><div class=\"pt-cv-rmwrap\"><a href=\"https:\/\/www.dmsjuridica.com\/buscador_20179478954\/corteconstitucionalcronologico202454587\/t-186-05\/\" class=\"_self pt-cv-readmore btn btn-success\" target=\"_self\">Ver Sentencia Completa...<\/a><\/div><\/div><\/div><\/div>\n<div class=\"col-md-12 col-sm-12 col-xs-12 pt-cv-content-item pt-cv-1-col\" ><div class='pt-cv-ifield'><a href=\"https:\/\/www.dmsjuridica.com\/buscador_20179478954\/corteconstitucionalcronologico202454587\/t-185-05\/\" class=\"_self pt-cv-href-thumbnail pt-cv-thumb-default\" target=\"_self\" ><\/a>\n<div class=\"pt-cv-taxoterm above_title\"><a href='https:\/\/www.dmsjuridica.com\/buscador_20179478954\/corteconstitucionalcronologico202454587\/category\/buscar-en-toda-la-corte\/2005\/tutelas-2005\/' title='Tutelas 2005' class='pt-cv-tax-tutelas-2005'>Tutelas 2005<\/a><\/div>\n<h4 class=\"pt-cv-title\"><a href=\"https:\/\/www.dmsjuridica.com\/buscador_20179478954\/corteconstitucionalcronologico202454587\/t-185-05\/\" class=\"_self\" target=\"_self\" >T-185-05<\/a><\/h4>\n<div class=\"pt-cv-content\">\u00a0 \u00a0 Sentencia T-185\/05\u00a0 \u00a0 DERECHO A LA ESTABILIDAD LABORAL REFORZADA DE MUJER EMBARAZADA-Elementos f\u00e1cticos que deben demostrarse \u00a0 \u00a0 \u00a0 MUJER EMBARAZADA EN CONTRATO A TERMINO INDEFINIDO \u00a0 Queda claro para la Sala, la existencia de la relaci\u00f3n laboral que conforme a la ley art\u00edculo 46 del CST, se presume celebrado el contrato a t\u00e9rmino indefinido, como quiera que cuando se trata de contrato a termino fijo este debe revestir la solemnidad del escrito, requisito que en este caso no aparece \u00a0que se haya cumplido. Ha de concluirse que demostrada la existencia de la relaci\u00f3n laboral a termino indefinido, ...<br \/><div class=\"pt-cv-rmwrap\"><a href=\"https:\/\/www.dmsjuridica.com\/buscador_20179478954\/corteconstitucionalcronologico202454587\/t-185-05\/\" class=\"_self pt-cv-readmore btn btn-success\" target=\"_self\">Ver Sentencia Completa...<\/a><\/div><\/div><\/div><\/div>\n<div class=\"col-md-12 col-sm-12 col-xs-12 pt-cv-content-item pt-cv-1-col\" ><div class='pt-cv-ifield'><a href=\"https:\/\/www.dmsjuridica.com\/buscador_20179478954\/corteconstitucionalcronologico202454587\/t-184-05\/\" class=\"_self pt-cv-href-thumbnail pt-cv-thumb-default\" target=\"_self\" ><\/a>\n<div class=\"pt-cv-taxoterm above_title\"><a href='https:\/\/www.dmsjuridica.com\/buscador_20179478954\/corteconstitucionalcronologico202454587\/category\/buscar-en-toda-la-corte\/2005\/tutelas-2005\/' title='Tutelas 2005' class='pt-cv-tax-tutelas-2005'>Tutelas 2005<\/a><\/div>\n<h4 class=\"pt-cv-title\"><a href=\"https:\/\/www.dmsjuridica.com\/buscador_20179478954\/corteconstitucionalcronologico202454587\/t-184-05\/\" class=\"_self\" target=\"_self\" >T-184-05<\/a><\/h4>\n<div class=\"pt-cv-content\">\u00a0 \u00a0 Sentencia T-184\/05 \u00a0 SANCION PECUNIARIA Y DERECHO DE AUDIENCIA BILATERAL Y CONTRADICCION \u00a0 En aras de hacer efectivos los principios constitucionales de buena fe y de presunci\u00f3n de inocencia previstos en los art\u00edculos 29 y 83 del Texto Superior, esta Corporaci\u00f3n ha determinado que la imposici\u00f3n de cualquier sanci\u00f3n pecuniaria debe someterse al respeto del derecho de audiencia bilateral y contradicci\u00f3n. As\u00ed las cosas, es imprescindible otorgar al imputado, en el mismo proceso en que supuestamente se incurri\u00f3 en la actuaci\u00f3n temeraria, la oportunidad de ser o\u00eddo respecto del comportamiento desleal que se le endilga, de ejercer cabalmente ...<br \/><div class=\"pt-cv-rmwrap\"><a href=\"https:\/\/www.dmsjuridica.com\/buscador_20179478954\/corteconstitucionalcronologico202454587\/t-184-05\/\" class=\"_self pt-cv-readmore btn btn-success\" target=\"_self\">Ver Sentencia Completa...<\/a><\/div><\/div><\/div><\/div>\n<div class=\"col-md-12 col-sm-12 col-xs-12 pt-cv-content-item pt-cv-1-col\" ><div class='pt-cv-ifield'><a href=\"https:\/\/www.dmsjuridica.com\/buscador_20179478954\/corteconstitucionalcronologico202454587\/t-183-05\/\" class=\"_self pt-cv-href-thumbnail pt-cv-thumb-default\" target=\"_self\" ><\/a>\n<div class=\"pt-cv-taxoterm above_title\"><a href='https:\/\/www.dmsjuridica.com\/buscador_20179478954\/corteconstitucionalcronologico202454587\/category\/buscar-en-toda-la-corte\/2005\/tutelas-2005\/' title='Tutelas 2005' class='pt-cv-tax-tutelas-2005'>Tutelas 2005<\/a><\/div>\n<h4 class=\"pt-cv-title\"><a href=\"https:\/\/www.dmsjuridica.com\/buscador_20179478954\/corteconstitucionalcronologico202454587\/t-183-05\/\" class=\"_self\" target=\"_self\" >T-183-05<\/a><\/h4>\n<div class=\"pt-cv-content\">\u00a0 \u00a0 Sentencia T-183\/05 \u00a0 ACCION DE TUTELA-Improcedencia general ejecuci\u00f3n de obligaciones laborales\/ACCION DE TUTELA-Procedencia excepcional ejecuci\u00f3n de obligaciones laborales \u00a0 DERECHO AL MINIMO VITAL DEL PENSIONADO-Pago de mesadas atrasadas \u00a0 DERECHO A LA VIDA DIGNA DEL PENSIONADO-Pago oportuno de mesadas \u00a0 EMPLEADOR-Situaci\u00f3n econ\u00f3mica o presupuestal no es \u00f3bice para desconocer obligaciones laborales \u00a0 FUNDACION SAN JUAN DE DIOS-Pago oportuno de la pensi\u00f3n \u00a0 Referencia: expediente T-992834 \u00a0 Acci\u00f3n de tutela instaurada por Luz Marina Avella S\u00e1nchez contra el Ministerio de Hacienda y Cr\u00e9dito P\u00fablico.\u00a0 \u00a0 Magistrado Ponente: \u00a0 Dr. ALVARO TAFUR GALVIS \u00a0 Bogot\u00e1 D. C., veintiocho (28) de ...<br \/><div class=\"pt-cv-rmwrap\"><a href=\"https:\/\/www.dmsjuridica.com\/buscador_20179478954\/corteconstitucionalcronologico202454587\/t-183-05\/\" class=\"_self pt-cv-readmore btn btn-success\" target=\"_self\">Ver Sentencia Completa...<\/a><\/div><\/div><\/div><\/div>\n<div class=\"col-md-12 col-sm-12 col-xs-12 pt-cv-content-item pt-cv-1-col\" ><div class='pt-cv-ifield'><a href=\"https:\/\/www.dmsjuridica.com\/buscador_20179478954\/corteconstitucionalcronologico202454587\/t-182-05\/\" class=\"_self pt-cv-href-thumbnail pt-cv-thumb-default\" target=\"_self\" ><\/a>\n<div class=\"pt-cv-taxoterm above_title\"><a href='https:\/\/www.dmsjuridica.com\/buscador_20179478954\/corteconstitucionalcronologico202454587\/category\/buscar-en-toda-la-corte\/2005\/tutelas-2005\/' title='Tutelas 2005' class='pt-cv-tax-tutelas-2005'>Tutelas 2005<\/a><\/div>\n<h4 class=\"pt-cv-title\"><a href=\"https:\/\/www.dmsjuridica.com\/buscador_20179478954\/corteconstitucionalcronologico202454587\/t-182-05\/\" class=\"_self\" target=\"_self\" >T-182-05<\/a><\/h4>\n<div class=\"pt-cv-content\">\u00a0 \u00a0 Sentencia T-182\/05 \u00a0 JUEZ DE TUTELA-Facultad de fallar extra o ultra petita \u00a0 PROGRAMA DE RENOVACION DE LA ADMINISTRACION PUBLICA-Protecci\u00f3n especial consagrada en la Ley no pod\u00eda limitarse en el tiempo mediante un Decreto \u00a0 MADRE CABEZA DE FAMILIA-Protecci\u00f3n especial \u00a0 MADRE CABEZA DE FAMILIA FRENTE AL DERECHO AL TRABAJO \u00a0 ESTABILIDAD LABORAL DE MADRE CABEZA DE FAMILIA \u00a0 PREVALENCIA DE DERECHOS DEL NI\u00d1O \u00a0 PERSONA DISCAPACITADA-Protecci\u00f3n constitucional \u00a0 RETEN SOCIAL-Limitaci\u00f3n temporal del beneficio \u00a0 MADRE CABEZA DE FAMILIA Y PERSONAS DISCAPACITADAS-Limitaci\u00f3n a los beneficios consagrados por Ley \u00a0 INDEMNIZACION POR DESPIDO INJUSTO-Caso de desvinculaci\u00f3n de sujetos constitucionalmente ...<br \/><div class=\"pt-cv-rmwrap\"><a href=\"https:\/\/www.dmsjuridica.com\/buscador_20179478954\/corteconstitucionalcronologico202454587\/t-182-05\/\" class=\"_self pt-cv-readmore btn btn-success\" target=\"_self\">Ver Sentencia Completa...<\/a><\/div><\/div><\/div><\/div>\n<div class=\"col-md-12 col-sm-12 col-xs-12 pt-cv-content-item pt-cv-1-col\" ><div class='pt-cv-ifield'><a href=\"https:\/\/www.dmsjuridica.com\/buscador_20179478954\/corteconstitucionalcronologico202454587\/t-176-05\/\" class=\"_self pt-cv-href-thumbnail pt-cv-thumb-default\" target=\"_self\" ><\/a>\n<div class=\"pt-cv-taxoterm above_title\"><a href='https:\/\/www.dmsjuridica.com\/buscador_20179478954\/corteconstitucionalcronologico202454587\/category\/buscar-en-toda-la-corte\/2005\/tutelas-2005\/' title='Tutelas 2005' class='pt-cv-tax-tutelas-2005'>Tutelas 2005<\/a><\/div>\n<h4 class=\"pt-cv-title\"><a href=\"https:\/\/www.dmsjuridica.com\/buscador_20179478954\/corteconstitucionalcronologico202454587\/t-176-05\/\" class=\"_self\" target=\"_self\" >T-176-05<\/a><\/h4>\n<div class=\"pt-cv-content\">\u00a0 \u00a0 Sentencia T-176\/05 \u00a0 MUJER EMBARAZADA-Protecci\u00f3n constitucional especial \u00a0 La protecci\u00f3n a la mujer embarazada no debe ser solo otorgada por el Estado; tambi\u00e9n la sociedad y la familia deben garantizar que la vida de quien est\u00e1 por nacer pueda desarrollarse adecuadamente bajo la guarda de su madre. Proteger a la madre y al hijo que lleva en su vientre, es garantizar igualmente la eficacia de otros derechos fundamentales tales como la igualdad real entre los sexos y los derechos de la familia. Por tanto, el estado de gestaci\u00f3n le otorga a la futura madre una protecci\u00f3n especial de ...<br \/><div class=\"pt-cv-rmwrap\"><a href=\"https:\/\/www.dmsjuridica.com\/buscador_20179478954\/corteconstitucionalcronologico202454587\/t-176-05\/\" class=\"_self pt-cv-readmore btn btn-success\" target=\"_self\">Ver Sentencia Completa...<\/a><\/div><\/div><\/div><\/div>\n<div class=\"col-md-12 col-sm-12 col-xs-12 pt-cv-content-item pt-cv-1-col\" ><div class='pt-cv-ifield'><a href=\"https:\/\/www.dmsjuridica.com\/buscador_20179478954\/corteconstitucionalcronologico202454587\/t-175-05\/\" class=\"_self pt-cv-href-thumbnail pt-cv-thumb-default\" target=\"_self\" ><\/a>\n<div class=\"pt-cv-taxoterm above_title\"><a href='https:\/\/www.dmsjuridica.com\/buscador_20179478954\/corteconstitucionalcronologico202454587\/category\/buscar-en-toda-la-corte\/2005\/tutelas-2005\/' title='Tutelas 2005' class='pt-cv-tax-tutelas-2005'>Tutelas 2005<\/a><\/div>\n<h4 class=\"pt-cv-title\"><a href=\"https:\/\/www.dmsjuridica.com\/buscador_20179478954\/corteconstitucionalcronologico202454587\/t-175-05\/\" class=\"_self\" target=\"_self\" >T-175-05<\/a><\/h4>\n<div class=\"pt-cv-content\">\u00a0 \u00a0 Sentencia T-175\/05 \u00a0 DESPLAZADOS INTERNOS-Reubicaci\u00f3n\/ESTADO-Debe garantizar atenci\u00f3n de personas desplazadas \u00a0 DESPLAZADOS INTERNOS-Derecho a recibir en forma urgente un trato preferente \u00a0 ESTADO DE COSAS INCONSTITUCIONAL-Factores que lo determinan \u00a0 DERECHOS FUNDAMENTALES DE LOS DESPLAZADOS-Colaboraci\u00f3n arm\u00f3nica entre las ramas del poder p\u00fablico para su protecci\u00f3n \u00a0 DESPLAZAMIENTO FORZADO-No requiere ser declarado por entidad p\u00fablica o privada\/DESPLAZAMIENTO FORZADO-Situaci\u00f3n de hecho \u00a0 Esta Corporaci\u00f3n ha afirmado que la condici\u00f3n de desplazado no se adquiere por la certificaci\u00f3n que al respecto haga una autoridad p\u00fablica; el desplazamiento forzado es una condici\u00f3n de hecho que est\u00e1 determinada por elementos objetivos, a saber: ...<br \/><div class=\"pt-cv-rmwrap\"><a href=\"https:\/\/www.dmsjuridica.com\/buscador_20179478954\/corteconstitucionalcronologico202454587\/t-175-05\/\" class=\"_self pt-cv-readmore btn btn-success\" target=\"_self\">Ver Sentencia Completa...<\/a><\/div><\/div><\/div><\/div>\n<div class=\"col-md-12 col-sm-12 col-xs-12 pt-cv-content-item pt-cv-1-col\" ><div class='pt-cv-ifield'><a href=\"https:\/\/www.dmsjuridica.com\/buscador_20179478954\/corteconstitucionalcronologico202454587\/t-174-05\/\" class=\"_self pt-cv-href-thumbnail pt-cv-thumb-default\" target=\"_self\" ><\/a>\n<div class=\"pt-cv-taxoterm above_title\"><a href='https:\/\/www.dmsjuridica.com\/buscador_20179478954\/corteconstitucionalcronologico202454587\/category\/buscar-en-toda-la-corte\/2005\/tutelas-2005\/' title='Tutelas 2005' class='pt-cv-tax-tutelas-2005'>Tutelas 2005<\/a><\/div>\n<h4 class=\"pt-cv-title\"><a href=\"https:\/\/www.dmsjuridica.com\/buscador_20179478954\/corteconstitucionalcronologico202454587\/t-174-05\/\" class=\"_self\" target=\"_self\" >T-174-05<\/a><\/h4>\n<div class=\"pt-cv-content\">\u00a0 \u00a0 Sentencia T-174\/05 \u00a0 DERECHO DE PETICION-Respuesta oportuna y de fondo \u00a0 DERECHO DE PETICION EN MATERIA PENSIONAL-T\u00e9rminos para resolver \u00a0 DERECHO DE PETICION EN MATERIA PENSIONAL-T\u00e9rmino de quince d\u00edas para resolver asuntos dentro del tr\u00e1mite de pensi\u00f3n \u00a0 DERECHO DE PETICION EN MATERIA PENSIONAL-T\u00e9rmino de cuatro y seis meses para resolver reconocimiento y pago\u00a0 \u00a0 DERECHO DE PETICION-Omisi\u00f3n de Cajanal en responder en el t\u00e9rmino se\u00f1alado\u00a0 \u00a0 DEBIDO PROCESO-Vulneraci\u00f3n por parte de Cajanal\/PRINCIPIO DE FAVORABILIDAD LABORAL-Condici\u00f3n m\u00e1s beneficiosa al trabajador \u00a0 DERECHO A LA RELIQUIDACION DE PENSION GRACIA-Las leyes 33\/85 y 62\/85 no aplican para la liquidaci\u00f3n de ...<br \/><div class=\"pt-cv-rmwrap\"><a href=\"https:\/\/www.dmsjuridica.com\/buscador_20179478954\/corteconstitucionalcronologico202454587\/t-174-05\/\" class=\"_self pt-cv-readmore btn btn-success\" target=\"_self\">Ver Sentencia Completa...<\/a><\/div><\/div><\/div><\/div>\n<div class=\"col-md-12 col-sm-12 col-xs-12 pt-cv-content-item pt-cv-1-col\" ><div class='pt-cv-ifield'><a href=\"https:\/\/www.dmsjuridica.com\/buscador_20179478954\/corteconstitucionalcronologico202454587\/t-173-05\/\" class=\"_self pt-cv-href-thumbnail pt-cv-thumb-default\" target=\"_self\" ><\/a>\n<div class=\"pt-cv-taxoterm above_title\"><a href='https:\/\/www.dmsjuridica.com\/buscador_20179478954\/corteconstitucionalcronologico202454587\/category\/buscar-en-toda-la-corte\/2005\/tutelas-2005\/' title='Tutelas 2005' class='pt-cv-tax-tutelas-2005'>Tutelas 2005<\/a><\/div>\n<h4 class=\"pt-cv-title\"><a href=\"https:\/\/www.dmsjuridica.com\/buscador_20179478954\/corteconstitucionalcronologico202454587\/t-173-05\/\" class=\"_self\" target=\"_self\" >T-173-05<\/a><\/h4>\n<div class=\"pt-cv-content\">\u00a0 \u00a0 Sentencia T-173\/05 \u00a0 DERECHO A LA ESTABILIDAD LABORAL REFORZADA DE MUJER EMBARAZADA-Protecci\u00f3n constitucional especial \u00a0 MUJER TRABAJADORA EMBARAZADA-Protecci\u00f3n laboral \u00a0 MUJER TRABAJADORA EMBARAZADA-No puede ser retirada del trabajo sin previa autorizaci\u00f3n\u00a0 \u00a0 EMPLEADO EN PROVISIONALIDAD-Falta de estabilidad\/ MUJER EMBARAZADA-Aplicaci\u00f3n del fuero de maternidad en nombramiento provisional\u00a0 \u00a0 De tal derecho son tambi\u00e9n titulares las funcionarias de la rama judicial, se encuentren nombradas en propiedad o en provisionalidad. La protecci\u00f3n del derecho enunciado conlleva necesariamente la imposibilidad de que la mujer embarazada sea retirada del puesto de trabajo con ocasi\u00f3n de su embarazo. As\u00ed las cosas, ha de concluirse ...<br \/><div class=\"pt-cv-rmwrap\"><a href=\"https:\/\/www.dmsjuridica.com\/buscador_20179478954\/corteconstitucionalcronologico202454587\/t-173-05\/\" class=\"_self pt-cv-readmore btn btn-success\" target=\"_self\">Ver Sentencia Completa...<\/a><\/div><\/div><\/div><\/div>\n<div class=\"col-md-12 col-sm-12 col-xs-12 pt-cv-content-item pt-cv-1-col\" ><div class='pt-cv-ifield'><a href=\"https:\/\/www.dmsjuridica.com\/buscador_20179478954\/corteconstitucionalcronologico202454587\/t-172-05\/\" class=\"_self pt-cv-href-thumbnail pt-cv-thumb-default\" target=\"_self\" ><\/a>\n<div class=\"pt-cv-taxoterm above_title\"><a href='https:\/\/www.dmsjuridica.com\/buscador_20179478954\/corteconstitucionalcronologico202454587\/category\/buscar-en-toda-la-corte\/2005\/tutelas-2005\/' title='Tutelas 2005' class='pt-cv-tax-tutelas-2005'>Tutelas 2005<\/a><\/div>\n<h4 class=\"pt-cv-title\"><a href=\"https:\/\/www.dmsjuridica.com\/buscador_20179478954\/corteconstitucionalcronologico202454587\/t-172-05\/\" class=\"_self\" target=\"_self\" >T-172-05<\/a><\/h4>\n<div class=\"pt-cv-content\">\u00a0 \u00a0 Sentencia T-172\/05 \u00a0 DESISTIMIENTO DE TUTELA-Improcedencia \u00a0 ACTO ADMINISTRATIVO PARTICULAR Y CONCRETO-Irrevocabilidad como regla general\/ACTO ADMINISTRATIVO PARTICULAR Y CONCRETO-No puede ser desconocido unilateralmente por la autoridad p\u00fablica \u00a0 REVOCATORIA DIRECTA DE ACTO ADMINISTRATIVO PARTICULAR Y CONCRETO-Eventos en que procede sin consentimiento expreso del particular \u00a0 El C\u00f3digo Contencioso Administrativo facultan por excepci\u00f3n a las autoridades para revocar los actos administrativos que reconocen derechos subjetivos, incluso derechos pensionales, sin contar con el consentimiento del particular; pero dicha revocaci\u00f3n debe tener por objeto un acto producto del silencio administrativo positivo o un acto administrativo que haya ocurrido por medios ilegales ...<br \/><div class=\"pt-cv-rmwrap\"><a href=\"https:\/\/www.dmsjuridica.com\/buscador_20179478954\/corteconstitucionalcronologico202454587\/t-172-05\/\" class=\"_self pt-cv-readmore btn btn-success\" target=\"_self\">Ver Sentencia Completa...<\/a><\/div><\/div><\/div><\/div>\n<div class=\"col-md-12 col-sm-12 col-xs-12 pt-cv-content-item pt-cv-1-col\" ><div class='pt-cv-ifield'><a href=\"https:\/\/www.dmsjuridica.com\/buscador_20179478954\/corteconstitucionalcronologico202454587\/t-171-05\/\" class=\"_self pt-cv-href-thumbnail pt-cv-thumb-default\" target=\"_self\" ><\/a>\n<div class=\"pt-cv-taxoterm above_title\"><a href='https:\/\/www.dmsjuridica.com\/buscador_20179478954\/corteconstitucionalcronologico202454587\/category\/buscar-en-toda-la-corte\/2005\/tutelas-2005\/' title='Tutelas 2005' class='pt-cv-tax-tutelas-2005'>Tutelas 2005<\/a><\/div>\n<h4 class=\"pt-cv-title\"><a href=\"https:\/\/www.dmsjuridica.com\/buscador_20179478954\/corteconstitucionalcronologico202454587\/t-171-05\/\" class=\"_self\" target=\"_self\" >T-171-05<\/a><\/h4>\n<div class=\"pt-cv-content\">\u00a0 \u00a0 Sentencia T-171\/05 \u00a0 DERECHO A LA SALUD DE PERSONA DE LA TERCERA EDAD-Suministro de medicamento \u00a0 INCAPACIDAD ECONOMICA EN MATERIA DE SALUD-Afirmaci\u00f3n en cuanto a no poder sufragar costo de medicamento por nivel de gastos y deducciones\u00a0 \u00a0 Si bien la mesada pensional del actor asciende a la suma de $1.692.548, tambi\u00e9n lo es que como \u00e9l mismo lo describi\u00f3 y no fue desvirtuado dentro del expediente, no s\u00f3lo tiene una serie de deducciones, sino que tambi\u00e9n es quien atiende los gastos de su familia -su esposa de 74 a\u00f1os de edad y su hija que se encuentra ...<br \/><div class=\"pt-cv-rmwrap\"><a href=\"https:\/\/www.dmsjuridica.com\/buscador_20179478954\/corteconstitucionalcronologico202454587\/t-171-05\/\" class=\"_self pt-cv-readmore btn btn-success\" target=\"_self\">Ver Sentencia Completa...<\/a><\/div><\/div><\/div><\/div>\n<div class=\"col-md-12 col-sm-12 col-xs-12 pt-cv-content-item pt-cv-1-col\" ><div class='pt-cv-ifield'><a href=\"https:\/\/www.dmsjuridica.com\/buscador_20179478954\/corteconstitucionalcronologico202454587\/t-170-05\/\" class=\"_self pt-cv-href-thumbnail pt-cv-thumb-default\" target=\"_self\" ><\/a>\n<div class=\"pt-cv-taxoterm above_title\"><a href='https:\/\/www.dmsjuridica.com\/buscador_20179478954\/corteconstitucionalcronologico202454587\/category\/buscar-en-toda-la-corte\/2005\/tutelas-2005\/' title='Tutelas 2005' class='pt-cv-tax-tutelas-2005'>Tutelas 2005<\/a><\/div>\n<h4 class=\"pt-cv-title\"><a href=\"https:\/\/www.dmsjuridica.com\/buscador_20179478954\/corteconstitucionalcronologico202454587\/t-170-05\/\" class=\"_self\" target=\"_self\" >T-170-05<\/a><\/h4>\n<div class=\"pt-cv-content\">\u00a0 \u00a0 NOTA DE RELATORIA:\u00a0Mediante auto de fecha 16 de febrero de 2017, proferido por la Sala Novena de Revisi\u00f3n, presidida por el Magistrado Luis Ernesto Vargas Silva, se ordena suprimir los datos que permitan identificar a la accionante, a su compa\u00f1ero y a sus hijos y, en consecuencia, reemplazarlos con nombres ficticios \u00a0 Sentencia T-170\/05 \u00a0 ACCION DE TUTELA CONTRA BANCOS-Procedencia por prestar servicio p\u00fablico\/ACTIVIDAD BANCARIA-Es un servicio p\u00fablico \u00a0 PRINCIPIO DE LA BUENA FE-Aspectos activo y pasivo \u00a0 PRINCIPIO DE SOLIDARIDAD-Definici\u00f3n\/PRINCIPIO DE SOLIDARIDAD-Manifestaciones \u00a0 DEBER DE SOLIDARIDAD-Desarrollo legal indispensable \u00a0 En casos excepcionales, puede ocurrir que el incumplimiento ...<br \/><div class=\"pt-cv-rmwrap\"><a href=\"https:\/\/www.dmsjuridica.com\/buscador_20179478954\/corteconstitucionalcronologico202454587\/t-170-05\/\" class=\"_self pt-cv-readmore btn btn-success\" target=\"_self\">Ver Sentencia Completa...<\/a><\/div><\/div><\/div><\/div>\n<div class=\"col-md-12 col-sm-12 col-xs-12 pt-cv-content-item pt-cv-1-col\" ><div class='pt-cv-ifield'><a href=\"https:\/\/www.dmsjuridica.com\/buscador_20179478954\/corteconstitucionalcronologico202454587\/t-169-05\/\" class=\"_self pt-cv-href-thumbnail pt-cv-thumb-default\" target=\"_self\" ><\/a>\n<div class=\"pt-cv-taxoterm above_title\"><a href='https:\/\/www.dmsjuridica.com\/buscador_20179478954\/corteconstitucionalcronologico202454587\/category\/buscar-en-toda-la-corte\/2005\/tutelas-2005\/' title='Tutelas 2005' class='pt-cv-tax-tutelas-2005'>Tutelas 2005<\/a><\/div>\n<h4 class=\"pt-cv-title\"><a href=\"https:\/\/www.dmsjuridica.com\/buscador_20179478954\/corteconstitucionalcronologico202454587\/t-169-05\/\" class=\"_self\" target=\"_self\" >T-169-05<\/a><\/h4>\n<div class=\"pt-cv-content\">\u00a0 \u00a0 Sentencia T-169\/05 \u00a0 ACCION DE TUTELA CONTRA PROVIDENCIAS JUDICIALES POR VIA DE HECHO-Procedencia excepcional \u00a0 ACCION DE TUTELA CONTRA PROVIDENCIAS JUDICIALES POR VIA DE HECHO-Requisitos para que proceda \u00a0 VIA DE HECHO POR DEFECTO SUSTANTIVO-Caracter\u00edsticas \u00a0 AUTONOMIA JUDICIAL-No es facultad absoluta \u00a0 DOCTRINA PROBABLE-Sujeci\u00f3n de los jueces\/VIA DE HECHO-Inexistencia cuando la interpretaci\u00f3n de la norma es doctrina fijada por las altas cortes \u00a0 La Corte Constitucional ha descartado la existencia de v\u00edas de hecho cuandoquiera que los jueces, en sus providencias, se han atenido a la doctrina fijada por las Altas Cortes, concretamente por la Corte Suprema de ...<br \/><div class=\"pt-cv-rmwrap\"><a href=\"https:\/\/www.dmsjuridica.com\/buscador_20179478954\/corteconstitucionalcronologico202454587\/t-169-05\/\" class=\"_self pt-cv-readmore btn btn-success\" target=\"_self\">Ver Sentencia Completa...<\/a><\/div><\/div><\/div><\/div>\n<div class=\"col-md-12 col-sm-12 col-xs-12 pt-cv-content-item pt-cv-1-col\" ><div class='pt-cv-ifield'><a href=\"https:\/\/www.dmsjuridica.com\/buscador_20179478954\/corteconstitucionalcronologico202454587\/t-168-05\/\" class=\"_self pt-cv-href-thumbnail pt-cv-thumb-default\" target=\"_self\" ><\/a>\n<div class=\"pt-cv-taxoterm above_title\"><a href='https:\/\/www.dmsjuridica.com\/buscador_20179478954\/corteconstitucionalcronologico202454587\/category\/buscar-en-toda-la-corte\/2005\/tutelas-2005\/' title='Tutelas 2005' class='pt-cv-tax-tutelas-2005'>Tutelas 2005<\/a><\/div>\n<h4 class=\"pt-cv-title\"><a href=\"https:\/\/www.dmsjuridica.com\/buscador_20179478954\/corteconstitucionalcronologico202454587\/t-168-05\/\" class=\"_self\" target=\"_self\" >T-168-05<\/a><\/h4>\n<div class=\"pt-cv-content\">\u00a0 \u00a0 Sentencia T-168\/05 \u00a0 CAMBIO DE NOMBRE-Fundamento jur\u00eddico \u00a0 DERECHO A LA PERSONALIDAD JURIDICA-Individualidad de la persona como sujeto de derecho \u00a0 DERECHO AL RECONOCIMIENTO DE LA PERSONALIDAD JURIDICA-Deber de expedir el registro civil \u00a0 CAMBIO DE NOMBRE-Derecho de toda persona a fijar su identidad\/CAMBIO DE NOMBRE-Identidad personal con nombre de equipo de f\u00fatbol \u00a0 La Corte, estableci\u00f3 que el art\u00edculo 94 precitado \u201cfaculta a toda persona para que disponga, \u00fanicamente por una vez, y mediante escritura p\u00fablica, la modificaci\u00f3n del registro civil, con el fin de fijar su identidad personal, como manifestaci\u00f3n del derecho a expresar la individualidad.\u201d ...<br \/><div class=\"pt-cv-rmwrap\"><a href=\"https:\/\/www.dmsjuridica.com\/buscador_20179478954\/corteconstitucionalcronologico202454587\/t-168-05\/\" class=\"_self pt-cv-readmore btn btn-success\" target=\"_self\">Ver Sentencia Completa...<\/a><\/div><\/div><\/div><\/div>\n<div class=\"col-md-12 col-sm-12 col-xs-12 pt-cv-content-item pt-cv-1-col\" ><div class='pt-cv-ifield'><a href=\"https:\/\/www.dmsjuridica.com\/buscador_20179478954\/corteconstitucionalcronologico202454587\/t-167-05\/\" class=\"_self pt-cv-href-thumbnail pt-cv-thumb-default\" target=\"_self\" ><\/a>\n<div class=\"pt-cv-taxoterm above_title\"><a href='https:\/\/www.dmsjuridica.com\/buscador_20179478954\/corteconstitucionalcronologico202454587\/category\/buscar-en-toda-la-corte\/2005\/tutelas-2005\/' title='Tutelas 2005' class='pt-cv-tax-tutelas-2005'>Tutelas 2005<\/a><\/div>\n<h4 class=\"pt-cv-title\"><a href=\"https:\/\/www.dmsjuridica.com\/buscador_20179478954\/corteconstitucionalcronologico202454587\/t-167-05\/\" class=\"_self\" target=\"_self\" >T-167-05<\/a><\/h4>\n<div class=\"pt-cv-content\">\u00a0 \u00a0 Sentencia T-167\/05 \u00a0 ACCION DE TUTELA-Naturaleza subsidiaria \u00a0 SOLIDARIDAD ENTRE EL CONTRATISTA INDEPENDIENTE Y EL BENEFICIARIO DE LA OBRA-Pago de prestaciones laborales a trabajadores \u00a0 Al respecto, es importante recordar que el art\u00edculo 34 del C\u00f3digo Sustantivo del Trabajo, con miras a garantizar los derechos de los trabajadores y extrabajadores pensionados de las empresas, vinculados por contratistas o subcontratistas para la realizaci\u00f3n de una obra a favor de un tercero, establece una responsabilidad solidaria de car\u00e1cter legal entre el contratista, subcontratista y beneficiario o propietario de la obra.\u00a0 \u00a0 INCAPACIDAD LABORAL-Solicitud directa al Seguro Social \u00a0 Referencia: expediente ...<br \/><div class=\"pt-cv-rmwrap\"><a href=\"https:\/\/www.dmsjuridica.com\/buscador_20179478954\/corteconstitucionalcronologico202454587\/t-167-05\/\" class=\"_self pt-cv-readmore btn btn-success\" target=\"_self\">Ver Sentencia Completa...<\/a><\/div><\/div><\/div><\/div>\n<div class=\"col-md-12 col-sm-12 col-xs-12 pt-cv-content-item pt-cv-1-col\" ><div class='pt-cv-ifield'><a href=\"https:\/\/www.dmsjuridica.com\/buscador_20179478954\/corteconstitucionalcronologico202454587\/t-166-05\/\" class=\"_self pt-cv-href-thumbnail pt-cv-thumb-default\" target=\"_self\" ><\/a>\n<div class=\"pt-cv-taxoterm above_title\"><a href='https:\/\/www.dmsjuridica.com\/buscador_20179478954\/corteconstitucionalcronologico202454587\/category\/buscar-en-toda-la-corte\/2005\/tutelas-2005\/' title='Tutelas 2005' class='pt-cv-tax-tutelas-2005'>Tutelas 2005<\/a><\/div>\n<h4 class=\"pt-cv-title\"><a href=\"https:\/\/www.dmsjuridica.com\/buscador_20179478954\/corteconstitucionalcronologico202454587\/t-166-05\/\" class=\"_self\" target=\"_self\" >T-166-05<\/a><\/h4>\n<div class=\"pt-cv-content\">\u00a0 \u00a0 Sentencia T-166\/05 \u00a0 LICENCIA DE MATERNIDAD-Protecci\u00f3n constitucional \u00a0 LICENCIA DE MATERNIDAD-Procedencia excepcional de tutela para el pago \u00a0 LICENCIA DE MATERNIDAD-Objeto \u00a0 ALLANAMIENTO A LA MORA POR EL INSTITUTO DE SEGURO SOCIAL\/SEGURO SOCIAL-Pago de licencia de maternidad \u00a0 Referencia: expediente T-1013543 \u00a0 Acci\u00f3n de tutela instaurada por Maria Eugenia Cano Moreno contra Seguro Social EPS seccional Cundinamarca. \u00a0 Magistrado Ponente:\u00a0 \u00a0 Dr. ALFREDO BELTR\u00c1N SIERRA. \u00a0 Bogot\u00e1, D.C., veinticuatro (24) de febrero de dos mil cinco (2005). \u00a0 La Sala Segunda (2a.) de Revisi\u00f3n de la Corte Constitucional, integrada por los magistrados Alfredo Beltr\u00e1n Sierra, Manuel Jos\u00e9 Cepeda ...<br \/><div class=\"pt-cv-rmwrap\"><a href=\"https:\/\/www.dmsjuridica.com\/buscador_20179478954\/corteconstitucionalcronologico202454587\/t-166-05\/\" class=\"_self pt-cv-readmore btn btn-success\" target=\"_self\">Ver Sentencia Completa...<\/a><\/div><\/div><\/div><\/div>\n<div class=\"col-md-12 col-sm-12 col-xs-12 pt-cv-content-item pt-cv-1-col\" ><div class='pt-cv-ifield'><a href=\"https:\/\/www.dmsjuridica.com\/buscador_20179478954\/corteconstitucionalcronologico202454587\/t-165-05\/\" class=\"_self pt-cv-href-thumbnail pt-cv-thumb-default\" target=\"_self\" ><\/a>\n<div class=\"pt-cv-taxoterm above_title\"><a href='https:\/\/www.dmsjuridica.com\/buscador_20179478954\/corteconstitucionalcronologico202454587\/category\/buscar-en-toda-la-corte\/2005\/tutelas-2005\/' title='Tutelas 2005' class='pt-cv-tax-tutelas-2005'>Tutelas 2005<\/a><\/div>\n<h4 class=\"pt-cv-title\"><a href=\"https:\/\/www.dmsjuridica.com\/buscador_20179478954\/corteconstitucionalcronologico202454587\/t-165-05\/\" class=\"_self\" target=\"_self\" >T-165-05<\/a><\/h4>\n<div class=\"pt-cv-content\">\u00a0 \u00a0 Sentencia T-165\/05 \u00a0 ACCION DE TUTELA CONTRA PARTICULARES-Improcedencia por no existir subordinaci\u00f3n e indefensi\u00f3n \u00a0 En el caso sub ex\u00e1mine no hay la menor duda de que la parte demandante no est\u00e1 subordinada al Sindicado demandado, por la sencilla raz\u00f3n de que no existe una relaci\u00f3n jur\u00eddica de dependencia. Pero tampoco ha demostrado que est\u00e1 en estado de indefensi\u00f3n, entendida como aquella posici\u00f3n del afectado que no puede defenderse jur\u00eddicamente de las agresiones que est\u00e1 sufriendo por parte del particular. \u00a0 Referencia: expediente T-984449 \u00a0 Acci\u00f3n de tutela instaurada por la Sociedad Panamco Colombia S.A. y Juan Carlos ...<br \/><div class=\"pt-cv-rmwrap\"><a href=\"https:\/\/www.dmsjuridica.com\/buscador_20179478954\/corteconstitucionalcronologico202454587\/t-165-05\/\" class=\"_self pt-cv-readmore btn btn-success\" target=\"_self\">Ver Sentencia Completa...<\/a><\/div><\/div><\/div><\/div>\n<div class=\"col-md-12 col-sm-12 col-xs-12 pt-cv-content-item pt-cv-1-col\" ><div class='pt-cv-ifield'><a href=\"https:\/\/www.dmsjuridica.com\/buscador_20179478954\/corteconstitucionalcronologico202454587\/t-164-05\/\" class=\"_self pt-cv-href-thumbnail pt-cv-thumb-default\" target=\"_self\" ><\/a>\n<div class=\"pt-cv-taxoterm above_title\"><a href='https:\/\/www.dmsjuridica.com\/buscador_20179478954\/corteconstitucionalcronologico202454587\/category\/buscar-en-toda-la-corte\/2005\/tutelas-2005\/' title='Tutelas 2005' class='pt-cv-tax-tutelas-2005'>Tutelas 2005<\/a><\/div>\n<h4 class=\"pt-cv-title\"><a href=\"https:\/\/www.dmsjuridica.com\/buscador_20179478954\/corteconstitucionalcronologico202454587\/t-164-05\/\" class=\"_self\" target=\"_self\" >T-164-05<\/a><\/h4>\n<div class=\"pt-cv-content\">\u00a0 \u00a0 Sentencia T-164\/05 \u00a0 ACCION DE TUTELA-Inmediatez \u00a0 En el asunto sub examine se observa que dados los supuestos f\u00e1cticos que sirvieron de fundamento a la presentaci\u00f3n de la tutela, el elemento de la inmediatez resultaba imprescindible, pues el transcurso del tiempo, como en este caso sucedi\u00f3 pone en evidencia la improcedencia de esta acci\u00f3n.\u00a0 \u00a0 DERECHO A LA SALUD DEL SOLDADO-Atenci\u00f3n fue oportuna \u00a0 De las pruebas que aparecen en el expediente, se puede concluir que la vida del demandante no se encuentra en la alarmante situaci\u00f3n de salud que se anunci\u00f3 en el escrito de tutela, y, ...<br \/><div class=\"pt-cv-rmwrap\"><a href=\"https:\/\/www.dmsjuridica.com\/buscador_20179478954\/corteconstitucionalcronologico202454587\/t-164-05\/\" class=\"_self pt-cv-readmore btn btn-success\" target=\"_self\">Ver Sentencia Completa...<\/a><\/div><\/div><\/div><\/div>\n<div class=\"col-md-12 col-sm-12 col-xs-12 pt-cv-content-item pt-cv-1-col\" ><div class='pt-cv-ifield'><a href=\"https:\/\/www.dmsjuridica.com\/buscador_20179478954\/corteconstitucionalcronologico202454587\/t-163-05\/\" class=\"_self pt-cv-href-thumbnail pt-cv-thumb-default\" target=\"_self\" ><\/a>\n<div class=\"pt-cv-taxoterm above_title\"><a href='https:\/\/www.dmsjuridica.com\/buscador_20179478954\/corteconstitucionalcronologico202454587\/category\/buscar-en-toda-la-corte\/2005\/tutelas-2005\/' title='Tutelas 2005' class='pt-cv-tax-tutelas-2005'>Tutelas 2005<\/a><\/div>\n<h4 class=\"pt-cv-title\"><a href=\"https:\/\/www.dmsjuridica.com\/buscador_20179478954\/corteconstitucionalcronologico202454587\/t-163-05\/\" class=\"_self\" target=\"_self\" >T-163-05<\/a><\/h4>\n<div class=\"pt-cv-content\">\u00a0 \u00a0 Sentencia T-163\/05\u00a0 \u00a0 DERECHO AL MINIMO VITAL DE PERSONA DE LA TERCERA EDAD-Protecci\u00f3n por tutela \u00a0 ACTO DE INCLUSION EN NOMINA-Acci\u00f3n de tutela es mecanismo id\u00f3neo para el cumplimiento de actos de tr\u00e1mite \u00a0 DERECHO A LA PENSION DE SOBREVIVIENTES-Efectividad \u00a0 Referencia: expediente T-1010667 \u00a0 Acci\u00f3n de tutela presentada por Mar\u00eda Lucia Quiroz, contra el Seguro Social Seccional Antioquia.\u00a0 \u00a0 Procedencia: Juzgado S\u00e9ptimo Laboral del Circuito. \u00a0 Magistrado Ponente: \u00a0 Dr. ALFREDO BELTR\u00c1N SIERRA. \u00a0 Bogot\u00e1, D.C., veinticuatro (24) de febrero de dos mil cinco (2005). \u00a0 La Sala Segunda (2a.) de Revisi\u00f3n de la Corte Constitucional, integrada ...<br \/><div class=\"pt-cv-rmwrap\"><a href=\"https:\/\/www.dmsjuridica.com\/buscador_20179478954\/corteconstitucionalcronologico202454587\/t-163-05\/\" class=\"_self pt-cv-readmore btn btn-success\" target=\"_self\">Ver Sentencia Completa...<\/a><\/div><\/div><\/div><\/div>\n<div class=\"col-md-12 col-sm-12 col-xs-12 pt-cv-content-item pt-cv-1-col\" ><div class='pt-cv-ifield'><a href=\"https:\/\/www.dmsjuridica.com\/buscador_20179478954\/corteconstitucionalcronologico202454587\/t-162-05\/\" class=\"_self pt-cv-href-thumbnail pt-cv-thumb-default\" target=\"_self\" ><\/a>\n<div class=\"pt-cv-taxoterm above_title\"><a href='https:\/\/www.dmsjuridica.com\/buscador_20179478954\/corteconstitucionalcronologico202454587\/category\/buscar-en-toda-la-corte\/2005\/tutelas-2005\/' title='Tutelas 2005' class='pt-cv-tax-tutelas-2005'>Tutelas 2005<\/a><\/div>\n<h4 class=\"pt-cv-title\"><a href=\"https:\/\/www.dmsjuridica.com\/buscador_20179478954\/corteconstitucionalcronologico202454587\/t-162-05\/\" class=\"_self\" target=\"_self\" >T-162-05<\/a><\/h4>\n<div class=\"pt-cv-content\">\u00a0 \u00a0 Sentencia T-162\/05 \u00a0 ACCION DE TUTELA-Procedencia excepcional por no poder ejercer otro medio de defensa\/RESTITUCION DE BIEN INMUEBLE ARRENDADO-Presentaci\u00f3n de recibos de pago o consignaci\u00f3n de los c\u00e1nones para ser o\u00eddo en juicio \u00a0 La \u00fanica forma en que el aqu\u00ed demandante podr\u00eda hacer efectivo su derecho de defensa dentro del proceso civil de restituci\u00f3n ser\u00eda consignando a \u00f3rdenes del juzgado los valores en supuesta mora que el demandante hace figurar a su nombre (m\u00e1s de diez millones de pesos), carga procesal que, en las circunstancias concretas del presente caso, resulta excesiva dado el material probatorio allegado al ...<br \/><div class=\"pt-cv-rmwrap\"><a href=\"https:\/\/www.dmsjuridica.com\/buscador_20179478954\/corteconstitucionalcronologico202454587\/t-162-05\/\" class=\"_self pt-cv-readmore btn btn-success\" target=\"_self\">Ver Sentencia Completa...<\/a><\/div><\/div><\/div><\/div>\n<div class=\"col-md-12 col-sm-12 col-xs-12 pt-cv-content-item pt-cv-1-col\" ><div class='pt-cv-ifield'><a href=\"https:\/\/www.dmsjuridica.com\/buscador_20179478954\/corteconstitucionalcronologico202454587\/t-161-05\/\" class=\"_self pt-cv-href-thumbnail pt-cv-thumb-default\" target=\"_self\" ><\/a>\n<div class=\"pt-cv-taxoterm above_title\"><a href='https:\/\/www.dmsjuridica.com\/buscador_20179478954\/corteconstitucionalcronologico202454587\/category\/buscar-en-toda-la-corte\/2005\/tutelas-2005\/' title='Tutelas 2005' class='pt-cv-tax-tutelas-2005'>Tutelas 2005<\/a><\/div>\n<h4 class=\"pt-cv-title\"><a href=\"https:\/\/www.dmsjuridica.com\/buscador_20179478954\/corteconstitucionalcronologico202454587\/t-161-05\/\" class=\"_self\" target=\"_self\" >T-161-05<\/a><\/h4>\n<div class=\"pt-cv-content\">\u00a0 \u00a0 Sentencia T-161\/05 \u00a0 ACCION DE TUTELA-Mecanismo excepcional y subsidiario \u00a0 ACCION DE TUTELA TRANSITORIA PARA EVITAR PERJUICIO IRREMEDIABLE-Alcance \u00a0 REVOCATORIA DIRECTA DE NOMBRAMIENTO-Improcedencia por v\u00eda de tutela \u00a0 Al ser la acci\u00f3n de tutela una acci\u00f3n subsidiaria, sustituta frente a la inexistencia o inoperancia de los medios ordinarios de defensa, la Corte Constitucional ha sido enf\u00e1tica al advertir que aquella no puede utilizarse como mecanismo principal para impugnar la legalidad del acto administrativo de desvinculaci\u00f3n, pues para tal fin el legislador ha dispuesto la acci\u00f3n contencioso administrativa de nulidad y restablecimiento del derecho -posterior adem\u00e1s al agotamiento de ...<br \/><div class=\"pt-cv-rmwrap\"><a href=\"https:\/\/www.dmsjuridica.com\/buscador_20179478954\/corteconstitucionalcronologico202454587\/t-161-05\/\" class=\"_self pt-cv-readmore btn btn-success\" target=\"_self\">Ver Sentencia Completa...<\/a><\/div><\/div><\/div><\/div>\n<div class=\"col-md-12 col-sm-12 col-xs-12 pt-cv-content-item pt-cv-1-col\" ><div class='pt-cv-ifield'><a href=\"https:\/\/www.dmsjuridica.com\/buscador_20179478954\/corteconstitucionalcronologico202454587\/t-160-05\/\" class=\"_self pt-cv-href-thumbnail pt-cv-thumb-default\" target=\"_self\" ><\/a>\n<div class=\"pt-cv-taxoterm above_title\"><a href='https:\/\/www.dmsjuridica.com\/buscador_20179478954\/corteconstitucionalcronologico202454587\/category\/buscar-en-toda-la-corte\/2005\/tutelas-2005\/' title='Tutelas 2005' class='pt-cv-tax-tutelas-2005'>Tutelas 2005<\/a><\/div>\n<h4 class=\"pt-cv-title\"><a href=\"https:\/\/www.dmsjuridica.com\/buscador_20179478954\/corteconstitucionalcronologico202454587\/t-160-05\/\" class=\"_self\" target=\"_self\" >T-160-05<\/a><\/h4>\n<div class=\"pt-cv-content\">\u00a0 \u00a0 Sentencia T-160\/05 \u00a0 DERECHO A LA INFORMACION-Informaci\u00f3n adecuada a las relaciones crediticias \u00a0 La Corte ha indicado que la ausencia de informaci\u00f3n adecuada constituye un ejercicio indebido de la posici\u00f3n dominante en la que se encuentran las entidades financieras frente a los deudores, quienes, en consecuencia, son colocados \u00a0en una situaci\u00f3n de indefensi\u00f3n en la medida en que la informaci\u00f3n inadecuada, incompleta o confusa los imposibilita para hacer valer sus derechos y, eventualmente, reclamarlos \u00a0ante las autoridades competentes. En este sentido, debe resaltarse que en la Sentencia de constitucionalidad C-955 de 2000 se resalt\u00f3 que los establecimientos que ...<br \/><div class=\"pt-cv-rmwrap\"><a href=\"https:\/\/www.dmsjuridica.com\/buscador_20179478954\/corteconstitucionalcronologico202454587\/t-160-05\/\" class=\"_self pt-cv-readmore btn btn-success\" target=\"_self\">Ver Sentencia Completa...<\/a><\/div><\/div><\/div><\/div>\n<div class=\"col-md-12 col-sm-12 col-xs-12 pt-cv-content-item pt-cv-1-col\" ><div class='pt-cv-ifield'><a href=\"https:\/\/www.dmsjuridica.com\/buscador_20179478954\/corteconstitucionalcronologico202454587\/t-159-05\/\" class=\"_self pt-cv-href-thumbnail pt-cv-thumb-default\" target=\"_self\" ><\/a>\n<div class=\"pt-cv-taxoterm above_title\"><a href='https:\/\/www.dmsjuridica.com\/buscador_20179478954\/corteconstitucionalcronologico202454587\/category\/buscar-en-toda-la-corte\/2005\/tutelas-2005\/' title='Tutelas 2005' class='pt-cv-tax-tutelas-2005'>Tutelas 2005<\/a><\/div>\n<h4 class=\"pt-cv-title\"><a href=\"https:\/\/www.dmsjuridica.com\/buscador_20179478954\/corteconstitucionalcronologico202454587\/t-159-05\/\" class=\"_self\" target=\"_self\" >T-159-05<\/a><\/h4>\n<div class=\"pt-cv-content\">\u00a0 \u00a0 Sentencia T-159\/05 \u00a0 ACCION DE TUTELA-Improcedencia general para reconocimiento de pensiones \u00a0 DERECHO A LA SEGURIDAD SOCIAL-Fundamental por conexidad\u00a0 \u00a0 ACCION DE TUTELA-Procedencia excepcional para reconocimiento de derechos pensionales\/ACCION DE TUTELA-Requisitos de procedencia excepcional de reconocimiento de derechos pensionales \u00a0 Respecto a la procedencia de la acci\u00f3n de tutela para el reconocimiento de acreencias laborales, particularmente cuando estas corresponden a pensiones de jubilaci\u00f3n, el juez constitucional, de manera previa deber\u00e1 verificar que en el caso concreto concurran ciertos requisitos a saber: (i) que se trate de una persona de la tercera edad, para ser considerado sujeto especial de ...<br \/><div class=\"pt-cv-rmwrap\"><a href=\"https:\/\/www.dmsjuridica.com\/buscador_20179478954\/corteconstitucionalcronologico202454587\/t-159-05\/\" class=\"_self pt-cv-readmore btn btn-success\" target=\"_self\">Ver Sentencia Completa...<\/a><\/div><\/div><\/div><\/div>\n<div class=\"col-md-12 col-sm-12 col-xs-12 pt-cv-content-item pt-cv-1-col\" ><div class='pt-cv-ifield'><a href=\"https:\/\/www.dmsjuridica.com\/buscador_20179478954\/corteconstitucionalcronologico202454587\/t-158-05\/\" class=\"_self pt-cv-href-thumbnail pt-cv-thumb-default\" target=\"_self\" ><\/a>\n<div class=\"pt-cv-taxoterm above_title\"><a href='https:\/\/www.dmsjuridica.com\/buscador_20179478954\/corteconstitucionalcronologico202454587\/category\/buscar-en-toda-la-corte\/2005\/tutelas-2005\/' title='Tutelas 2005' class='pt-cv-tax-tutelas-2005'>Tutelas 2005<\/a><\/div>\n<h4 class=\"pt-cv-title\"><a href=\"https:\/\/www.dmsjuridica.com\/buscador_20179478954\/corteconstitucionalcronologico202454587\/t-158-05\/\" class=\"_self\" target=\"_self\" >T-158-05<\/a><\/h4>\n<div class=\"pt-cv-content\">\u00a0 \u00a0 Sentencia T-158\/05 \u00a0 DERECHO DE PETICION-Fundamental\/DERECHO DE PETICION-Pronta resoluci\u00f3n \u00a0 DERECHO DE PETICION-Alcance\/DERECHO DE PETICION-T\u00e9rmino para resolver \u00a0 DERECHO DE PETICION-Respuesta de fondo, clara y precisa \u00a0 DERECHO DE PETICION-Respuesta conjunta de derechos de petici\u00f3n por la alcald\u00eda Mayor de Bogot\u00e1 \u00a0 Referencia: expedientes T-795135, T-807433,T-807434, T-815839, T-816555, T-816556, T-816558, T-816559, T-816572, T-816574, T-816665, T-816857, T-816858, T-818171, T-818225, T-818237, T-838974, T-838978 y T-839035. \u00a0 Acci\u00f3n de tutela instaurada por Helena Cacais Luna y otros contra la Alcald\u00eda Mayor De Bogot\u00e1, D.C. \u00a0 Magistrado Ponente: \u00a0 Dr. HUMBERTO ANTONIO SIERRA PORTO \u00a0 Bogot\u00e1, D.C., veinticuatro (24) de febrero de ...<br \/><div class=\"pt-cv-rmwrap\"><a href=\"https:\/\/www.dmsjuridica.com\/buscador_20179478954\/corteconstitucionalcronologico202454587\/t-158-05\/\" class=\"_self pt-cv-readmore btn btn-success\" target=\"_self\">Ver Sentencia Completa...<\/a><\/div><\/div><\/div><\/div>\n<div class=\"col-md-12 col-sm-12 col-xs-12 pt-cv-content-item pt-cv-1-col\" ><div class='pt-cv-ifield'><a href=\"https:\/\/www.dmsjuridica.com\/buscador_20179478954\/corteconstitucionalcronologico202454587\/t-157-05\/\" class=\"_self pt-cv-href-thumbnail pt-cv-thumb-default\" target=\"_self\" ><\/a>\n<div class=\"pt-cv-taxoterm above_title\"><a href='https:\/\/www.dmsjuridica.com\/buscador_20179478954\/corteconstitucionalcronologico202454587\/category\/buscar-en-toda-la-corte\/2005\/tutelas-2005\/' title='Tutelas 2005' class='pt-cv-tax-tutelas-2005'>Tutelas 2005<\/a><\/div>\n<h4 class=\"pt-cv-title\"><a href=\"https:\/\/www.dmsjuridica.com\/buscador_20179478954\/corteconstitucionalcronologico202454587\/t-157-05\/\" class=\"_self\" target=\"_self\" >T-157-05<\/a><\/h4>\n<div class=\"pt-cv-content\">\u00a0 \u00a0 Sentencia T-157\/05 \u00a0 MUJER EMBARAZADA-Protecci\u00f3n constitucional especial\u00a0 \u00a0 LICENCIA DE MATERNIDAD-Reglas que ha fijado la jurisprudencia para el pago\u00a0 \u00a0 LICENCIA DE MATERNIDAD-Pago por allanamiento a la mora por EPS \u00a0 LICENCIA DE MATERNIDAD-Reglas de jurisprudencia para la procedencia de la tutela \u00a0 LICENCIA DE MATERNIDAD-T\u00e9rmino para solicitar pago dentro del a\u00f1o siguiente al nacimiento del ni\u00f1o \u00a0 LICENCIA DE MATERNIDAD-Pago por tutela cuando afecta el m\u00ednimo vital de la madre y su hijo \u00a0 Reiteraci\u00f3n de Jurisprudencia \u00a0 Referencia: expediente T-1005824 \u00a0 Peticionaria: Damaris Cecilia Santos D\u00edaz \u00a0 Demandado: Instituto de Seguros Sociales \u2013 Seccional C\u00f3rdoba \u00a0 ...<br \/><div class=\"pt-cv-rmwrap\"><a href=\"https:\/\/www.dmsjuridica.com\/buscador_20179478954\/corteconstitucionalcronologico202454587\/t-157-05\/\" class=\"_self pt-cv-readmore btn btn-success\" target=\"_self\">Ver Sentencia Completa...<\/a><\/div><\/div><\/div><\/div>\n<div class=\"col-md-12 col-sm-12 col-xs-12 pt-cv-content-item pt-cv-1-col\" ><div class='pt-cv-ifield'><a href=\"https:\/\/www.dmsjuridica.com\/buscador_20179478954\/corteconstitucionalcronologico202454587\/t-156-05\/\" class=\"_self pt-cv-href-thumbnail pt-cv-thumb-default\" target=\"_self\" ><\/a>\n<div class=\"pt-cv-taxoterm above_title\"><a href='https:\/\/www.dmsjuridica.com\/buscador_20179478954\/corteconstitucionalcronologico202454587\/category\/buscar-en-toda-la-corte\/2005\/tutelas-2005\/' title='Tutelas 2005' class='pt-cv-tax-tutelas-2005'>Tutelas 2005<\/a><\/div>\n<h4 class=\"pt-cv-title\"><a href=\"https:\/\/www.dmsjuridica.com\/buscador_20179478954\/corteconstitucionalcronologico202454587\/t-156-05\/\" class=\"_self\" target=\"_self\" >T-156-05<\/a><\/h4>\n<div class=\"pt-cv-content\">\u00a0 \u00a0 Sentencia T-156\/05 \u00a0 DERECHO A LA EDUCACION-Servicio p\u00fablico\/DERECHO A LA EDUCACION-Derecho deber \u00a0 La educaci\u00f3n se encuentra reconocida en forma expresa por el art\u00edculo 67 de la Constituci\u00f3n Pol\u00edtica, el cual le reconoce a la misma una doble connotaci\u00f3n jur\u00eddica: como un derecho de la persona, del cual son responsables el Estado, la sociedad y la familia, y como \u00a0un servicio p\u00fablico que cumple una funci\u00f3n social. En cuanto a derechos, la educaci\u00f3n tiene en la Constituci\u00f3n una proyecci\u00f3n de derecho-deber, que si bien supone reconocer a todo ser humano la posibilidad de recibir una formaci\u00f3n acorde con ...<br \/><div class=\"pt-cv-rmwrap\"><a href=\"https:\/\/www.dmsjuridica.com\/buscador_20179478954\/corteconstitucionalcronologico202454587\/t-156-05\/\" class=\"_self pt-cv-readmore btn btn-success\" target=\"_self\">Ver Sentencia Completa...<\/a><\/div><\/div><\/div><\/div>\n<div class=\"col-md-12 col-sm-12 col-xs-12 pt-cv-content-item pt-cv-1-col\" ><div class='pt-cv-ifield'><a href=\"https:\/\/www.dmsjuridica.com\/buscador_20179478954\/corteconstitucionalcronologico202454587\/t-147-05\/\" class=\"_self pt-cv-href-thumbnail pt-cv-thumb-default\" target=\"_self\" ><\/a>\n<div class=\"pt-cv-taxoterm above_title\"><a href='https:\/\/www.dmsjuridica.com\/buscador_20179478954\/corteconstitucionalcronologico202454587\/category\/buscar-en-toda-la-corte\/2005\/tutelas-2005\/' title='Tutelas 2005' class='pt-cv-tax-tutelas-2005'>Tutelas 2005<\/a><\/div>\n<h4 class=\"pt-cv-title\"><a href=\"https:\/\/www.dmsjuridica.com\/buscador_20179478954\/corteconstitucionalcronologico202454587\/t-147-05\/\" class=\"_self\" target=\"_self\" >T-147-05<\/a><\/h4>\n<div class=\"pt-cv-content\">\u00a0 \u00a0 Sentencia T-147\/05 \u00a0 MUJER EMBARAZADA-Protecci\u00f3n constitucional especial \u00a0 LICENCIA DE MATERNIDAD-Procedencia excepcional de tutela para el pago\/LICENCIA DE MATERNIDAD-Pago por tutela cuando afecta el m\u00ednimo vital de la madre y su hijo \u00a0 LICENCIA DE MATERNIDAD-Pago por allanamiento a la mora por EPS \u00a0 LICENCIA DE MATERNIDAD-Reglas de jurisprudencia para la procedencia de la tutela \u00a0 Referencia: expediente T-991911 \u00a0 Demandante: Edilsa Milena D\u00edaz Buitrago. \u00a0 Demandado: Saludcoop EPS\u00a0 \u00a0 Magistrado Ponente: \u00a0 Dr. RODRIGO ESCOBAR GIL \u00a0 Bogot\u00e1, D.C., dieciocho (18) de febrero de dos mil cinco (2005). \u00a0 La Sala Quinta de Revisi\u00f3n de la Corte ...<br \/><div class=\"pt-cv-rmwrap\"><a href=\"https:\/\/www.dmsjuridica.com\/buscador_20179478954\/corteconstitucionalcronologico202454587\/t-147-05\/\" class=\"_self pt-cv-readmore btn btn-success\" target=\"_self\">Ver Sentencia Completa...<\/a><\/div><\/div><\/div><\/div>\n<div class=\"col-md-12 col-sm-12 col-xs-12 pt-cv-content-item pt-cv-1-col\" ><div class='pt-cv-ifield'><a href=\"https:\/\/www.dmsjuridica.com\/buscador_20179478954\/corteconstitucionalcronologico202454587\/t-146-05\/\" class=\"_self pt-cv-href-thumbnail pt-cv-thumb-default\" target=\"_self\" ><\/a>\n<div class=\"pt-cv-taxoterm above_title\"><a href='https:\/\/www.dmsjuridica.com\/buscador_20179478954\/corteconstitucionalcronologico202454587\/category\/buscar-en-toda-la-corte\/2005\/tutelas-2005\/' title='Tutelas 2005' class='pt-cv-tax-tutelas-2005'>Tutelas 2005<\/a><\/div>\n<h4 class=\"pt-cv-title\"><a href=\"https:\/\/www.dmsjuridica.com\/buscador_20179478954\/corteconstitucionalcronologico202454587\/t-146-05\/\" class=\"_self\" target=\"_self\" >T-146-05<\/a><\/h4>\n<div class=\"pt-cv-content\">ACCION DE TUTELA-Procedencia excepcional para reconocimiento de acreencias laborales \u00a0 DERECHO AL MINIMO VITAL DEL TRABAJADOR-Presunci\u00f3n de afectaci\u00f3n por ausencia prolongada de pago de salarios \u00a0 ACCION DE TUTELA-Improcedencia por no vulneraci\u00f3n del m\u00ednimo vital y por no cumplir con el requisito de la inmediatez \u00a0 Referencia: expediente T-991691 \u00a0 Accionante: Jos\u00e9 Fernando Grueso Canchimbo. \u00a0 Demandados: Fundaci\u00f3n Enlace Verde, Alcald\u00eda Municipal de Palmira, Secretar\u00eda de Planeaci\u00f3n Municipal de Palmira y Sisben de Palmira. \u00a0\u00a0 \u00a0 Magistrado Ponente:\u00a0 \u00a0 Dr. RODRIGO ESCOBAR GIL \u00a0 Bogot\u00e1, D.C., \u00a0dieciocho (18) de febrero de dos mil cinco (2005). \u00a0 La Sala Quinta de ...<br \/><div class=\"pt-cv-rmwrap\"><a href=\"https:\/\/www.dmsjuridica.com\/buscador_20179478954\/corteconstitucionalcronologico202454587\/t-146-05\/\" class=\"_self pt-cv-readmore btn btn-success\" target=\"_self\">Ver Sentencia Completa...<\/a><\/div><\/div><\/div><\/div>\n<div class=\"col-md-12 col-sm-12 col-xs-12 pt-cv-content-item pt-cv-1-col\" ><div class='pt-cv-ifield'><a href=\"https:\/\/www.dmsjuridica.com\/buscador_20179478954\/corteconstitucionalcronologico202454587\/t-145-05\/\" class=\"_self pt-cv-href-thumbnail pt-cv-thumb-default\" target=\"_self\" ><\/a>\n<div class=\"pt-cv-taxoterm above_title\"><a href='https:\/\/www.dmsjuridica.com\/buscador_20179478954\/corteconstitucionalcronologico202454587\/category\/buscar-en-toda-la-corte\/2005\/tutelas-2005\/' title='Tutelas 2005' class='pt-cv-tax-tutelas-2005'>Tutelas 2005<\/a><\/div>\n<h4 class=\"pt-cv-title\"><a href=\"https:\/\/www.dmsjuridica.com\/buscador_20179478954\/corteconstitucionalcronologico202454587\/t-145-05\/\" class=\"_self\" target=\"_self\" >T-145-05<\/a><\/h4>\n<div class=\"pt-cv-content\">\u00a0 \u00a0 Sentencia T-145\/05 \u00a0 INAPLICACION DE NORMAS DEL PLAN OBLIGATORIO DE SALUD-Casos en que procede por exclusi\u00f3n de medicamentos y tratamientos de alto costo \u00a0 INCAPACIDAD ECONOMICA-Prueba \u00a0 DERECHO A LA SALUD-No se acredit\u00f3 la incapacidad econ\u00f3mica del actor \u00a0 -Reiteraci\u00f3n de jurisprudencia- \u00a0 Peticionario: Samuel Antonio Grisales Grisales. \u00a0 Demandado: EPS Colsanitas Seccional Quind\u00edo. \u00a0 Magistrado Ponente:\u00a0 \u00a0 Dr. RODRIGO ESCOBAR GIL \u00a0 Bogot\u00e1, D.C., dieciocho (18) de febrero de dos mil cinco (2005). \u00a0 La Sala Quinta de Revisi\u00f3n de la Corte Constitucional, integrada por los Magistrados Rodrigo Escobar Gil, Marco Gerardo Monroy Cabra y Humberto Sierra ...<br \/><div class=\"pt-cv-rmwrap\"><a href=\"https:\/\/www.dmsjuridica.com\/buscador_20179478954\/corteconstitucionalcronologico202454587\/t-145-05\/\" class=\"_self pt-cv-readmore btn btn-success\" target=\"_self\">Ver Sentencia Completa...<\/a><\/div><\/div><\/div><\/div>\n<div class=\"col-md-12 col-sm-12 col-xs-12 pt-cv-content-item pt-cv-1-col\" ><div class='pt-cv-ifield'><a href=\"https:\/\/www.dmsjuridica.com\/buscador_20179478954\/corteconstitucionalcronologico202454587\/t-144-05\/\" class=\"_self pt-cv-href-thumbnail pt-cv-thumb-default\" target=\"_self\" ><\/a>\n<div class=\"pt-cv-taxoterm above_title\"><a href='https:\/\/www.dmsjuridica.com\/buscador_20179478954\/corteconstitucionalcronologico202454587\/category\/buscar-en-toda-la-corte\/2005\/tutelas-2005\/' title='Tutelas 2005' class='pt-cv-tax-tutelas-2005'>Tutelas 2005<\/a><\/div>\n<h4 class=\"pt-cv-title\"><a href=\"https:\/\/www.dmsjuridica.com\/buscador_20179478954\/corteconstitucionalcronologico202454587\/t-144-05\/\" class=\"_self\" target=\"_self\" >T-144-05<\/a><\/h4>\n<div class=\"pt-cv-content\">\u00a0 \u00a0 Sentencia T-144\/05 \u00a0 ACCION DE TUTELA PARA EVITAR PERJUICIO IRREMEDIABLE-Procedencia\/PERJUICIO IRREMEDIABLE-Caracter\u00edsticas\u00a0 \u00a0 A pesar de la existencia de otro medio de defensa, el Constituyente dispuso que, como excepci\u00f3n a la regla general, es procedente la acci\u00f3n de tutela como mecanismo transitorio cuando lo pretendido sea evitar la ocurrencia de un perjuicio irremediable. Un perjuicio se califica como irremediable cuando es (i) cierto e inminente, es decir, que no se debe a meras conjeturas y que amenaza o est\u00e1 por suceder; (ii) de urgente atenci\u00f3n, lo que significa que la medida que se requiera para conjurar el perjuicio ha ...<br \/><div class=\"pt-cv-rmwrap\"><a href=\"https:\/\/www.dmsjuridica.com\/buscador_20179478954\/corteconstitucionalcronologico202454587\/t-144-05\/\" class=\"_self pt-cv-readmore btn btn-success\" target=\"_self\">Ver Sentencia Completa...<\/a><\/div><\/div><\/div><\/div>\n<div class=\"col-md-12 col-sm-12 col-xs-12 pt-cv-content-item pt-cv-1-col\" ><div class='pt-cv-ifield'><a href=\"https:\/\/www.dmsjuridica.com\/buscador_20179478954\/corteconstitucionalcronologico202454587\/t-143-05\/\" class=\"_self pt-cv-href-thumbnail pt-cv-thumb-default\" target=\"_self\" ><\/a>\n<div class=\"pt-cv-taxoterm above_title\"><a href='https:\/\/www.dmsjuridica.com\/buscador_20179478954\/corteconstitucionalcronologico202454587\/category\/buscar-en-toda-la-corte\/2005\/tutelas-2005\/' title='Tutelas 2005' class='pt-cv-tax-tutelas-2005'>Tutelas 2005<\/a><\/div>\n<h4 class=\"pt-cv-title\"><a href=\"https:\/\/www.dmsjuridica.com\/buscador_20179478954\/corteconstitucionalcronologico202454587\/t-143-05\/\" class=\"_self\" target=\"_self\" >T-143-05<\/a><\/h4>\n<div class=\"pt-cv-content\">\u00a0 \u00a0 Sentencia T-143\/05 \u00a0 DERECHO A LA SEGURIDAD SOCIAL EN SALUD-Continuidad en el servicio \u00a0 PRINCIPIO DE EFICIENCIA DE SEGURIDAD SOCIAL EN SALUD-Alcance\u00a0 \u00a0 DERECHO AL LIBRE DESARROLLO DE LA PERSONALIDAD-Desarrollo de la sexualidad \u00a0 DERECHO A LA SALUD-Disfunciones en actividad sexual\/DERECHO A LA SALUD-Acceso a toda opci\u00f3n medica para recuperar las disfunciones de la actividad sexual\/DERECHO A LA SALUD SEXUAL-Fundamental por conexidad\u00a0 \u00a0 Si la persona que comienza a presentar limitaciones para sostener una actividad en su vida sexual, en especial cuando estas limitaciones tienen su origen en problemas de salud, habr\u00e1 de advertirse que no se trata ...<br \/><div class=\"pt-cv-rmwrap\"><a href=\"https:\/\/www.dmsjuridica.com\/buscador_20179478954\/corteconstitucionalcronologico202454587\/t-143-05\/\" class=\"_self pt-cv-readmore btn btn-success\" target=\"_self\">Ver Sentencia Completa...<\/a><\/div><\/div><\/div><\/div>\n<div class=\"col-md-12 col-sm-12 col-xs-12 pt-cv-content-item pt-cv-1-col\" ><div class='pt-cv-ifield'><a href=\"https:\/\/www.dmsjuridica.com\/buscador_20179478954\/corteconstitucionalcronologico202454587\/t-141-05\/\" class=\"_self pt-cv-href-thumbnail pt-cv-thumb-default\" target=\"_self\" ><\/a>\n<div class=\"pt-cv-taxoterm above_title\"><a href='https:\/\/www.dmsjuridica.com\/buscador_20179478954\/corteconstitucionalcronologico202454587\/category\/buscar-en-toda-la-corte\/2005\/tutelas-2005\/' title='Tutelas 2005' class='pt-cv-tax-tutelas-2005'>Tutelas 2005<\/a><\/div>\n<h4 class=\"pt-cv-title\"><a href=\"https:\/\/www.dmsjuridica.com\/buscador_20179478954\/corteconstitucionalcronologico202454587\/t-141-05\/\" class=\"_self\" target=\"_self\" >T-141-05<\/a><\/h4>\n<div class=\"pt-cv-content\">\u00a0 \u00a0 Sentencia T-141\/05 \u00a0 INAPLICACION DE NORMAS DEL PLAN OBLIGATORIO DE SALUD-Casos en que procede por exclusi\u00f3n de medicamentos y tratamientos de alto costo \u00a0 ACCION DE TUTELA-Protecci\u00f3n preventiva y no solo en casos de gravedad \u00a0 DERECHO A LA VIDA DIGNA-Suministro de aud\u00edfonos\/ENTIDAD PROMOTORA DE SALUD-Repetici\u00f3n contra el FOSYGA \u00a0 Reiteraci\u00f3n de Jurisprudencia \u00a0 Referencia: expediente T-1014717 \u00a0 Acci\u00f3n de tutela instaurada por Armando Moreno P\u00e9rez contra la E.P.S. COOMEVA \u00a0 Magistrado Ponente: \u00a0 Dr. HUMBERTO ANTONIO SIERRA PORTO \u00a0 Bogot\u00e1, D.C., diecisiete (17) de febrero de dos mil cinco (2005). \u00a0 La Sala S\u00e9ptima de Revisi\u00f3n de ...<br \/><div class=\"pt-cv-rmwrap\"><a href=\"https:\/\/www.dmsjuridica.com\/buscador_20179478954\/corteconstitucionalcronologico202454587\/t-141-05\/\" class=\"_self pt-cv-readmore btn btn-success\" target=\"_self\">Ver Sentencia Completa...<\/a><\/div><\/div><\/div><\/div>\n<div class=\"col-md-12 col-sm-12 col-xs-12 pt-cv-content-item pt-cv-1-col\" ><div class='pt-cv-ifield'><a href=\"https:\/\/www.dmsjuridica.com\/buscador_20179478954\/corteconstitucionalcronologico202454587\/t-140-05\/\" class=\"_self pt-cv-href-thumbnail pt-cv-thumb-default\" target=\"_self\" ><\/a>\n<div class=\"pt-cv-taxoterm above_title\"><a href='https:\/\/www.dmsjuridica.com\/buscador_20179478954\/corteconstitucionalcronologico202454587\/category\/buscar-en-toda-la-corte\/2005\/tutelas-2005\/' title='Tutelas 2005' class='pt-cv-tax-tutelas-2005'>Tutelas 2005<\/a><\/div>\n<h4 class=\"pt-cv-title\"><a href=\"https:\/\/www.dmsjuridica.com\/buscador_20179478954\/corteconstitucionalcronologico202454587\/t-140-05\/\" class=\"_self\" target=\"_self\" >T-140-05<\/a><\/h4>\n<div class=\"pt-cv-content\">\u00a0 \u00a0 Sentencia T-140\/05 \u00a0 LICENCIA DE MATERNIDAD-Procedencia excepcional de tutela para el pago \u00a0 LICENCIA DE MATERNIDAD-Pago por tutela cuando afecta el m\u00ednimo vital de la madre y su hijo \u00a0 LICENCIA DE MATERNIDAD-Plazo hasta de un a\u00f1o para reclamar por tutela \u00a0 Reiteraci\u00f3n de Jurisprudencia \u00a0 Referencia: expediente T-1012479 \u00a0 Acci\u00f3n de tutela instaurada por Marcela Pe\u00f1a Garc\u00eda contra Coomeva E.P.S. \u00a0 Magistrado Ponente: \u00a0 Dr. HUMBERTO ANTONIO SIERRA PORTO \u00a0 Bogot\u00e1, D. C., diecisiete (17) de febrero de dos mil cinco (2005). \u00a0 La Sala S\u00e9ptima de Revisi\u00f3n de la Corte Constitucional integrada por los magistrados Clara ...<br \/><div class=\"pt-cv-rmwrap\"><a href=\"https:\/\/www.dmsjuridica.com\/buscador_20179478954\/corteconstitucionalcronologico202454587\/t-140-05\/\" class=\"_self pt-cv-readmore btn btn-success\" target=\"_self\">Ver Sentencia Completa...<\/a><\/div><\/div><\/div><\/div>\n<div class=\"col-md-12 col-sm-12 col-xs-12 pt-cv-content-item pt-cv-1-col\" ><div class='pt-cv-ifield'><a href=\"https:\/\/www.dmsjuridica.com\/buscador_20179478954\/corteconstitucionalcronologico202454587\/t-139-05\/\" class=\"_self pt-cv-href-thumbnail pt-cv-thumb-default\" target=\"_self\" ><\/a>\n<div class=\"pt-cv-taxoterm above_title\"><a href='https:\/\/www.dmsjuridica.com\/buscador_20179478954\/corteconstitucionalcronologico202454587\/category\/buscar-en-toda-la-corte\/2005\/tutelas-2005\/' title='Tutelas 2005' class='pt-cv-tax-tutelas-2005'>Tutelas 2005<\/a><\/div>\n<h4 class=\"pt-cv-title\"><a href=\"https:\/\/www.dmsjuridica.com\/buscador_20179478954\/corteconstitucionalcronologico202454587\/t-139-05\/\" class=\"_self\" target=\"_self\" >T-139-05<\/a><\/h4>\n<div class=\"pt-cv-content\">\u00a0 \u00a0 Sentencia T-139\/05 \u00a0 DERECHO A LA SALUD-Fundamental por conexidad\u00a0 \u00a0 DERECHO A LA SALUD-Protecci\u00f3n preventiva y no solamente en caso de gravedad \u00a0 DERECHO A LA SALUD-Tr\u00e1mite administrativo que demora la prestaci\u00f3n del servicio por parte del ISS\/INSTITUTO DE SEGUROS SOCIALES-Desorden administrativo no puede ser padecido por los beneficiarios del sistema \u00a0 Los afiliados a las entidades encargadas de prestar servicios de salud no pueden sufrir las consecuencias de la ineficiencia o de la falta de planeaci\u00f3n de \u00e9stas, pues como ya se indic\u00f3 en la jurisprudencia arriba transcrita, la prestaci\u00f3n del servicio de salud no es una ...<br \/><div class=\"pt-cv-rmwrap\"><a href=\"https:\/\/www.dmsjuridica.com\/buscador_20179478954\/corteconstitucionalcronologico202454587\/t-139-05\/\" class=\"_self pt-cv-readmore btn btn-success\" target=\"_self\">Ver Sentencia Completa...<\/a><\/div><\/div><\/div><\/div>\n<div class=\"col-md-12 col-sm-12 col-xs-12 pt-cv-content-item pt-cv-1-col\" ><div class='pt-cv-ifield'><a href=\"https:\/\/www.dmsjuridica.com\/buscador_20179478954\/corteconstitucionalcronologico202454587\/t-138-05\/\" class=\"_self pt-cv-href-thumbnail pt-cv-thumb-default\" target=\"_self\" ><\/a>\n<div class=\"pt-cv-taxoterm above_title\"><a href='https:\/\/www.dmsjuridica.com\/buscador_20179478954\/corteconstitucionalcronologico202454587\/category\/buscar-en-toda-la-corte\/2005\/tutelas-2005\/' title='Tutelas 2005' class='pt-cv-tax-tutelas-2005'>Tutelas 2005<\/a><\/div>\n<h4 class=\"pt-cv-title\"><a href=\"https:\/\/www.dmsjuridica.com\/buscador_20179478954\/corteconstitucionalcronologico202454587\/t-138-05\/\" class=\"_self\" target=\"_self\" >T-138-05<\/a><\/h4>\n<div class=\"pt-cv-content\">\u00a0 \u00a0 Sentencia T-138\/05 \u00a0 DERECHO A LA SEGURIDAD SOCIAL-Servicio p\u00fablico de car\u00e1cter obligatorio y un derecho irrenunciable \u00a0 DERECHO A LA PENSION DE INVALIDEZ-Afectaci\u00f3n del m\u00ednimo vital por no reconocimiento\/DERECHO A LA PENSION DE INVALIDEZ-Protecci\u00f3n a personas discapacitadas \u00a0 DERECHO A LA PENSION DE INVALIDEZ-Mora patronal en pago de aportes \u00a0 DERECHO AL MINIMO VITAL-Vulneraci\u00f3n del ISS al no conceder la pensi\u00f3n de invalidez \u00a0 Reiteraci\u00f3n de Jurisprudencia \u00a0 Referencia: expediente T-999065 \u00a0 Acci\u00f3n de tutela instaurada por Olegario \u00c1lvarez Goyes contra el Instituto de Seguros Sociales \u2013I.S.S. \u00a0 Magistrado Ponente: \u00a0 Dr. HUMBERTO ANTONIO SIERRA PORTO \u00a0 Bogot\u00e1, ...<br \/><div class=\"pt-cv-rmwrap\"><a href=\"https:\/\/www.dmsjuridica.com\/buscador_20179478954\/corteconstitucionalcronologico202454587\/t-138-05\/\" class=\"_self pt-cv-readmore btn btn-success\" target=\"_self\">Ver Sentencia Completa...<\/a><\/div><\/div><\/div><\/div>\n<div class=\"col-md-12 col-sm-12 col-xs-12 pt-cv-content-item pt-cv-1-col\" ><div class='pt-cv-ifield'><a href=\"https:\/\/www.dmsjuridica.com\/buscador_20179478954\/corteconstitucionalcronologico202454587\/t-137-05\/\" class=\"_self pt-cv-href-thumbnail pt-cv-thumb-default\" target=\"_self\" ><\/a>\n<div class=\"pt-cv-taxoterm above_title\"><a href='https:\/\/www.dmsjuridica.com\/buscador_20179478954\/corteconstitucionalcronologico202454587\/category\/buscar-en-toda-la-corte\/2005\/tutelas-2005\/' title='Tutelas 2005' class='pt-cv-tax-tutelas-2005'>Tutelas 2005<\/a><\/div>\n<h4 class=\"pt-cv-title\"><a href=\"https:\/\/www.dmsjuridica.com\/buscador_20179478954\/corteconstitucionalcronologico202454587\/t-137-05\/\" class=\"_self\" target=\"_self\" >T-137-05<\/a><\/h4>\n<div class=\"pt-cv-content\">\u00a0 \u00a0 Sentencia T-137\/05 \u00a0 CAJA NACIONAL DE PREVISION SOCIAL-Obligaci\u00f3n de trasladar a cada uno de sus afiliados a una EPS \u00a0 CAJA NACIONAL DE PREVISION SOCIAL-Obligaci\u00f3n de continuar con el servicio hasta trasladar a sus afiliados a otra EPS \u00a0 PRINCIPIO DE CONTINUIDAD EN EL SERVICIO DE SALUD-Prestaci\u00f3n sin interrupci\u00f3n\u00a0 \u00a0 ACCION DE TUTELA-Hecho superado\u00a0 \u00a0 Referencia: expediente T-989865 \u00a0 Acci\u00f3n de tutela instaurada por Ana Gertrudis Contreras Navarro, como agente oficiosa de Graciela Esther Puello Lara contra Famisanar E.P.S. y el Departamento Administrativo Distrital de Salud de Cartagena \u00a0 Magistrado Ponente: \u00a0 Dr. HUMBERTO ANTONIO SIERRA PORTO. \u00a0 ...<br \/><div class=\"pt-cv-rmwrap\"><a href=\"https:\/\/www.dmsjuridica.com\/buscador_20179478954\/corteconstitucionalcronologico202454587\/t-137-05\/\" class=\"_self pt-cv-readmore btn btn-success\" target=\"_self\">Ver Sentencia Completa...<\/a><\/div><\/div><\/div><\/div>\n<div class=\"col-md-12 col-sm-12 col-xs-12 pt-cv-content-item pt-cv-1-col\" ><div class='pt-cv-ifield'><a href=\"https:\/\/www.dmsjuridica.com\/buscador_20179478954\/corteconstitucionalcronologico202454587\/t-136-05\/\" class=\"_self pt-cv-href-thumbnail pt-cv-thumb-default\" target=\"_self\" ><\/a>\n<div class=\"pt-cv-taxoterm above_title\"><a href='https:\/\/www.dmsjuridica.com\/buscador_20179478954\/corteconstitucionalcronologico202454587\/category\/buscar-en-toda-la-corte\/2005\/tutelas-2005\/' title='Tutelas 2005' class='pt-cv-tax-tutelas-2005'>Tutelas 2005<\/a><\/div>\n<h4 class=\"pt-cv-title\"><a href=\"https:\/\/www.dmsjuridica.com\/buscador_20179478954\/corteconstitucionalcronologico202454587\/t-136-05\/\" class=\"_self\" target=\"_self\" >T-136-05<\/a><\/h4>\n<div class=\"pt-cv-content\">\u00a0 \u00a0 Sentencia T-136\/05 \u00a0 CONCURSO PUBLICO-Fundamentos\/DERECHO AL TRABAJO-Nombramiento de quien clasific\u00f3 en el concurso \u00a0 MEDIO DE DEFENSA JUDICIAL-Formas de amparo por juez de tutela ante falta de protecci\u00f3n eficaz y completa\/MEDIO DE DEFENSA JUDICIAL-Protecci\u00f3n oportuna e integral \u00a0 PRINCIPIO DE LA BUENA FE EN CONCURSO DE MERITOS \u00a0 PRINCIPIO DE IGUALDAD DE OPORTUNIDADES EN ACCESO A CARGOS PUBLICOS-Provisi\u00f3n de vacantes atendiendo lista de elegibles \u00a0 CONCURSO PUBLICO-Nombramiento atendiendo lista de elegibles \u00a0 Reiteraci\u00f3n de Jurisprudencia \u00a0 Referencia: expediente T-976176 \u00a0 Acci\u00f3n de tutela instaurada por Cesar Augusto Braus\u00edn Ar\u00e9valo contra la Alcald\u00eda Mayor de Bogot\u00e1, el Departamento Administrativo ...<br \/><div class=\"pt-cv-rmwrap\"><a href=\"https:\/\/www.dmsjuridica.com\/buscador_20179478954\/corteconstitucionalcronologico202454587\/t-136-05\/\" class=\"_self pt-cv-readmore btn btn-success\" target=\"_self\">Ver Sentencia Completa...<\/a><\/div><\/div><\/div><\/div>\n<div class=\"col-md-12 col-sm-12 col-xs-12 pt-cv-content-item pt-cv-1-col\" ><div class='pt-cv-ifield'><a href=\"https:\/\/www.dmsjuridica.com\/buscador_20179478954\/corteconstitucionalcronologico202454587\/t-135-05\/\" class=\"_self pt-cv-href-thumbnail pt-cv-thumb-default\" target=\"_self\" ><\/a>\n<div class=\"pt-cv-taxoterm above_title\"><a href='https:\/\/www.dmsjuridica.com\/buscador_20179478954\/corteconstitucionalcronologico202454587\/category\/buscar-en-toda-la-corte\/2005\/tutelas-2005\/' title='Tutelas 2005' class='pt-cv-tax-tutelas-2005'>Tutelas 2005<\/a><\/div>\n<h4 class=\"pt-cv-title\"><a href=\"https:\/\/www.dmsjuridica.com\/buscador_20179478954\/corteconstitucionalcronologico202454587\/t-135-05\/\" class=\"_self\" target=\"_self\" >T-135-05<\/a><\/h4>\n<div class=\"pt-cv-content\">\u00a0 \u00a0 Sentencia T-135\/05 \u00a0 DERECHO DE PETICION-Respuesta oportuna y de fondo \u00a0 DERECHO DE PETICION-Est\u00e1 impl\u00edcito en recursos de v\u00eda gubernativa y revocaci\u00f3n directa del acto\/DERECHO DE PETICION EN REVOCATORIA DIRECTA DE ACTO ADMINISTRATIVO \u00a0 Reiteraci\u00f3n de Jurisprudencia \u00a0 Referencia: expediente T-1003138 \u00a0 Acci\u00f3n de tutela instaurada por el se\u00f1or Guillermo Eduardo Pantoja Chalaca, contra Instituto de Seguros Sociales Seccional Valle. \u00a0 Magistrado Ponente: \u00a0 Dr. MANUEL JOS\u00c9 CEPEDA ESPINOSA \u00a0 Bogot\u00e1 D.C., diecisiete (17) de febrero de dos mil cinco (2005). \u00a0 La Sala Tercera de Revisi\u00f3n de la Corte Constitucional, integrada por los Magistrados Manuel Jos\u00e9 Cepeda ...<br \/><div class=\"pt-cv-rmwrap\"><a href=\"https:\/\/www.dmsjuridica.com\/buscador_20179478954\/corteconstitucionalcronologico202454587\/t-135-05\/\" class=\"_self pt-cv-readmore btn btn-success\" target=\"_self\">Ver Sentencia Completa...<\/a><\/div><\/div><\/div><\/div>\n<div class=\"col-md-12 col-sm-12 col-xs-12 pt-cv-content-item pt-cv-1-col\" ><div class='pt-cv-ifield'><a href=\"https:\/\/www.dmsjuridica.com\/buscador_20179478954\/corteconstitucionalcronologico202454587\/t-134-05\/\" class=\"_self pt-cv-href-thumbnail pt-cv-thumb-default\" target=\"_self\" ><\/a>\n<div class=\"pt-cv-taxoterm above_title\"><a href='https:\/\/www.dmsjuridica.com\/buscador_20179478954\/corteconstitucionalcronologico202454587\/category\/buscar-en-toda-la-corte\/2005\/tutelas-2005\/' title='Tutelas 2005' class='pt-cv-tax-tutelas-2005'>Tutelas 2005<\/a><\/div>\n<h4 class=\"pt-cv-title\"><a href=\"https:\/\/www.dmsjuridica.com\/buscador_20179478954\/corteconstitucionalcronologico202454587\/t-134-05\/\" class=\"_self\" target=\"_self\" >T-134-05<\/a><\/h4>\n<div class=\"pt-cv-content\">\u00a0 \u00a0 Sentencia T-134\/05 \u00a0 DERECHO A LA VISITA CONYUGAL DEL INTERNO-Fundamental por conexidad\/DERECHO A LA VISITA CONYUGAL DEL INTERNO \u00a0 RELACIONES DE ESPECIAL SUJECION ENTRE LOS INTERNOS Y EL ESTADO-Consecuencias jur\u00eddicas \u00a0 VISITA CONYUGAL DEL INTERNO-Traslado de interna a la c\u00e1rcel donde se encuentra recluido su compa\u00f1ero permanente\/DERECHO A LA INTIMIDAD DEL INTERNO-Limitaciones \u00a0 VISITA CONYUGAL DEL INTERNO-Solicitud por procedimiento administrativo establecido en la ley \u00a0 La Sala considera que no est\u00e1 en discusi\u00f3n si el demandante tiene derecho a la visita conyugal o \u00edntima, como derecho fundamental. Sin embargo, para ejercer dicho derecho debe someterse al reglamento establecido ...<br \/><div class=\"pt-cv-rmwrap\"><a href=\"https:\/\/www.dmsjuridica.com\/buscador_20179478954\/corteconstitucionalcronologico202454587\/t-134-05\/\" class=\"_self pt-cv-readmore btn btn-success\" target=\"_self\">Ver Sentencia Completa...<\/a><\/div><\/div><\/div><\/div>\n<div class=\"col-md-12 col-sm-12 col-xs-12 pt-cv-content-item pt-cv-1-col\" ><div class='pt-cv-ifield'><a href=\"https:\/\/www.dmsjuridica.com\/buscador_20179478954\/corteconstitucionalcronologico202454587\/t-1331-05\/\" class=\"_self pt-cv-href-thumbnail pt-cv-thumb-default\" target=\"_self\" ><\/a>\n<div class=\"pt-cv-taxoterm above_title\"><a href='https:\/\/www.dmsjuridica.com\/buscador_20179478954\/corteconstitucionalcronologico202454587\/category\/buscar-en-toda-la-corte\/2005\/tutelas-2005\/' title='Tutelas 2005' class='pt-cv-tax-tutelas-2005'>Tutelas 2005<\/a><\/div>\n<h4 class=\"pt-cv-title\"><a href=\"https:\/\/www.dmsjuridica.com\/buscador_20179478954\/corteconstitucionalcronologico202454587\/t-1331-05\/\" class=\"_self\" target=\"_self\" >T-1331-05<\/a><\/h4>\n<div class=\"pt-cv-content\">\u00a0 \u00a0 Sentencia T-1331\/05 \u00a0 DERECHO A LA SALUD-Fundamental por conexidad\/DERECHO A LA SALUD- Fundamental aut\u00f3nomo \u00a0 INAPLICACION DE NORMAS DEL PLAN OBLIGATORIO DE SALUD-Casos en que procede por exclusi\u00f3n de tratamientos y medicamentos de alto costo\/DERECHO A LA SALUD Y A LA VIDA-Requisitos para ordenar tratamientos o medicamentos no incluidos en el POS \u00a0 DERECHO AL DIAGNOSTICO-Concepto\/DERECHO A LA SALUD-Incorpora el derecho al diagn\u00f3stico \u00a0 PRINCIPIO DE CONTINUIDAD EN EL SERVICIO DE SALUD-Falta de contratos de la EPS con m\u00e9dicos especialistas no justifica la omisi\u00f3n del servicio m\u00e9dico\/PRINCIPIO DE CONTINUIDAD EN EL SERVICIO DE SALUD-Suministro de medicamentos excluidos del ...<br \/><div class=\"pt-cv-rmwrap\"><a href=\"https:\/\/www.dmsjuridica.com\/buscador_20179478954\/corteconstitucionalcronologico202454587\/t-1331-05\/\" class=\"_self pt-cv-readmore btn btn-success\" target=\"_self\">Ver Sentencia Completa...<\/a><\/div><\/div><\/div><\/div>\n<div class=\"col-md-12 col-sm-12 col-xs-12 pt-cv-content-item pt-cv-1-col\" ><div class='pt-cv-ifield'><a href=\"https:\/\/www.dmsjuridica.com\/buscador_20179478954\/corteconstitucionalcronologico202454587\/t-1330-05\/\" class=\"_self pt-cv-href-thumbnail pt-cv-thumb-default\" target=\"_self\" ><\/a>\n<div class=\"pt-cv-taxoterm above_title\"><a href='https:\/\/www.dmsjuridica.com\/buscador_20179478954\/corteconstitucionalcronologico202454587\/category\/buscar-en-toda-la-corte\/2005\/tutelas-2005\/' title='Tutelas 2005' class='pt-cv-tax-tutelas-2005'>Tutelas 2005<\/a><\/div>\n<h4 class=\"pt-cv-title\"><a href=\"https:\/\/www.dmsjuridica.com\/buscador_20179478954\/corteconstitucionalcronologico202454587\/t-1330-05\/\" class=\"_self\" target=\"_self\" >T-1330-05<\/a><\/h4>\n<div class=\"pt-cv-content\">\u00a0 \u00a0 Sentencia T-1330\/05 \u00a0 DERECHO A LA SALUD-Fundamental por conexidad\/DERECHO A LA SALUD- Fundamental aut\u00f3nomo \u00a0 INAPLICACION DE NORMAS DEL PLAN OBLIGATORIO DE SALUD-Casos en que procede por exclusi\u00f3n de tratamientos y medicamentos de alto costo\/DERECHO A LA SALUD Y A LA VIDA-Requisitos para ordenar tratamientos o medicamentos no incluidos en el POS \u00a0 DERECHO A LA SALUD-Prohibici\u00f3n de suministrar con recursos del sistema general de salud un procedimiento quir\u00fargico excluido del POS y que tiene un car\u00e1cter experimental \u00a0 A diferencia de las restantes prestaciones excluidas del POS cuando se trata de procedimientos, actividades, intervenciones o medicamentos de ...<br \/><div class=\"pt-cv-rmwrap\"><a href=\"https:\/\/www.dmsjuridica.com\/buscador_20179478954\/corteconstitucionalcronologico202454587\/t-1330-05\/\" class=\"_self pt-cv-readmore btn btn-success\" target=\"_self\">Ver Sentencia Completa...<\/a><\/div><\/div><\/div><\/div>\n<div class=\"col-md-12 col-sm-12 col-xs-12 pt-cv-content-item pt-cv-1-col\" ><div class='pt-cv-ifield'><a href=\"https:\/\/www.dmsjuridica.com\/buscador_20179478954\/corteconstitucionalcronologico202454587\/t-133-05\/\" class=\"_self pt-cv-href-thumbnail pt-cv-thumb-default\" target=\"_self\" ><\/a>\n<div class=\"pt-cv-taxoterm above_title\"><a href='https:\/\/www.dmsjuridica.com\/buscador_20179478954\/corteconstitucionalcronologico202454587\/category\/buscar-en-toda-la-corte\/2005\/tutelas-2005\/' title='Tutelas 2005' class='pt-cv-tax-tutelas-2005'>Tutelas 2005<\/a><\/div>\n<h4 class=\"pt-cv-title\"><a href=\"https:\/\/www.dmsjuridica.com\/buscador_20179478954\/corteconstitucionalcronologico202454587\/t-133-05\/\" class=\"_self\" target=\"_self\" >T-133-05<\/a><\/h4>\n<div class=\"pt-cv-content\">\u00a0 \u00a0 Sentencia T-133\/05 \u00a0 DERECHO AL MINIMO VITAL DE PERSONA DE LA TERCERA EDAD-Vulneraci\u00f3n por retraso injustificado en pago de pensi\u00f3n \u00a0 DERECHO A LA SUBSISTENCIA DEL PENSIONADO-Pago oportuno de mesadas \u00a0 MUNICIPIO-Pago oportuno de mesadas pensionales \u00a0 ACCION DE TUTELA PARA CUMPLIMIENTO DE SENTENCIAS-Alcance\/ACCION DE TUTELA PARA CUMPLIMIENTO DE SENTENCIAS-Precedentes \u00a0 ACCION DE TUTELA CONTRA BANCOS-Incumplimiento de \u00f3rdenes de embargo \u00a0 DERECHOS DE PERSONA DE LA TERCERA EDAD-Pago oportuno de pensiones \u00a0 Reiteraci\u00f3n de Jurisprudencia \u00a0 Referencia: expediente T-999328 \u00a0 Acci\u00f3n de tutela instaurada por Mart\u00edn Galezzo Rocha contra el Municipio de El Banco (Magdalena) y el Banco ...<br \/><div class=\"pt-cv-rmwrap\"><a href=\"https:\/\/www.dmsjuridica.com\/buscador_20179478954\/corteconstitucionalcronologico202454587\/t-133-05\/\" class=\"_self pt-cv-readmore btn btn-success\" target=\"_self\">Ver Sentencia Completa...<\/a><\/div><\/div><\/div><\/div>\n<div class=\"col-md-12 col-sm-12 col-xs-12 pt-cv-content-item pt-cv-1-col\" ><div class='pt-cv-ifield'><a href=\"https:\/\/www.dmsjuridica.com\/buscador_20179478954\/corteconstitucionalcronologico202454587\/t-1329-05\/\" class=\"_self pt-cv-href-thumbnail pt-cv-thumb-default\" target=\"_self\" ><\/a>\n<div class=\"pt-cv-taxoterm above_title\"><a href='https:\/\/www.dmsjuridica.com\/buscador_20179478954\/corteconstitucionalcronologico202454587\/category\/buscar-en-toda-la-corte\/2005\/tutelas-2005\/' title='Tutelas 2005' class='pt-cv-tax-tutelas-2005'>Tutelas 2005<\/a><\/div>\n<h4 class=\"pt-cv-title\"><a href=\"https:\/\/www.dmsjuridica.com\/buscador_20179478954\/corteconstitucionalcronologico202454587\/t-1329-05\/\" class=\"_self\" target=\"_self\" >T-1329-05<\/a><\/h4>\n<div class=\"pt-cv-content\">\u00a0 \u00a0 Sentencia T-1329\/05 \u00a0 ACCION DE TUTELA-Procedencia excepcional pago de mesadas pensionales \u00a0 EMPLEADOR-Situaci\u00f3n econ\u00f3mica o presupuestal no es \u00f3bice para desconocer acreencias laborales \u00a0 DERECHO A LA PENSION DE JUBILACION-Pago oportuno y completo de mesadas \u00a0 \u00a0 Referencia: expediente T-1200070 \u00a0 Acci\u00f3n de tutela instaurada por Lilia Maria Laverde de G\u00f3mez contra el Departamento de Cundinamarca, la Beneficencia de Cundinamarca y el Ministerio de Hacienda y Cr\u00e9dito P\u00fablico \u00a0 Magistrado Ponente: \u00a0 Dr. HUMBERTO ANTONIO SIERRA PORTO \u00a0 Bogot\u00e1, D. C., quince (15) de diciembre de dos mil cinco (2005) \u00a0 La Sala S\u00e9ptima de Revisi\u00f3n de la ...<br \/><div class=\"pt-cv-rmwrap\"><a href=\"https:\/\/www.dmsjuridica.com\/buscador_20179478954\/corteconstitucionalcronologico202454587\/t-1329-05\/\" class=\"_self pt-cv-readmore btn btn-success\" target=\"_self\">Ver Sentencia Completa...<\/a><\/div><\/div><\/div><\/div>\n<div class=\"col-md-12 col-sm-12 col-xs-12 pt-cv-content-item pt-cv-1-col\" ><div class='pt-cv-ifield'><a href=\"https:\/\/www.dmsjuridica.com\/buscador_20179478954\/corteconstitucionalcronologico202454587\/t-1328-05\/\" class=\"_self pt-cv-href-thumbnail pt-cv-thumb-default\" target=\"_self\" ><\/a>\n<div class=\"pt-cv-taxoterm above_title\"><a href='https:\/\/www.dmsjuridica.com\/buscador_20179478954\/corteconstitucionalcronologico202454587\/category\/buscar-en-toda-la-corte\/2005\/tutelas-2005\/' title='Tutelas 2005' class='pt-cv-tax-tutelas-2005'>Tutelas 2005<\/a><\/div>\n<h4 class=\"pt-cv-title\"><a href=\"https:\/\/www.dmsjuridica.com\/buscador_20179478954\/corteconstitucionalcronologico202454587\/t-1328-05\/\" class=\"_self\" target=\"_self\" >T-1328-05<\/a><\/h4>\n<div class=\"pt-cv-content\">\u00a0 \u00a0 Sentencia T-1328\/05 \u00a0 DERECHO A LA SALUD-Fundamental por conexidad\/DERECHO A LA SALUD- Fundamental aut\u00f3nomo \u00a0 INAPLICACION DE NORMAS DEL PLAN OBLIGATORIO DE SALUD-Casos en que procede por exclusi\u00f3n de tratamientos y medicamentos de alto costo\/DERECHO A LA SALUD Y LA VIDA-Requisitos para ordenar tratamientos o medicamentos no incluidos en el POS \u00a0 DERECHO A LA SALUD-Suministro de medicamentos no POS y que carecen de registro del INVIMA \u00a0 DERECHO A LA SALUD-Requisitos para autorizaci\u00f3n de suministro de medicamentos no POS y que carecen de registro del INVIMA \u00a0 Referencia: expediente T-1173237 \u00a0 Acci\u00f3n de tutela instaurada por Jorge ...<br \/><div class=\"pt-cv-rmwrap\"><a href=\"https:\/\/www.dmsjuridica.com\/buscador_20179478954\/corteconstitucionalcronologico202454587\/t-1328-05\/\" class=\"_self pt-cv-readmore btn btn-success\" target=\"_self\">Ver Sentencia Completa...<\/a><\/div><\/div><\/div><\/div>\n<div class=\"col-md-12 col-sm-12 col-xs-12 pt-cv-content-item pt-cv-1-col\" ><div class='pt-cv-ifield'><a href=\"https:\/\/www.dmsjuridica.com\/buscador_20179478954\/corteconstitucionalcronologico202454587\/t-1327-05\/\" class=\"_self pt-cv-href-thumbnail pt-cv-thumb-default\" target=\"_self\" ><\/a>\n<div class=\"pt-cv-taxoterm above_title\"><a href='https:\/\/www.dmsjuridica.com\/buscador_20179478954\/corteconstitucionalcronologico202454587\/category\/buscar-en-toda-la-corte\/2005\/tutelas-2005\/' title='Tutelas 2005' class='pt-cv-tax-tutelas-2005'>Tutelas 2005<\/a><\/div>\n<h4 class=\"pt-cv-title\"><a href=\"https:\/\/www.dmsjuridica.com\/buscador_20179478954\/corteconstitucionalcronologico202454587\/t-1327-05\/\" class=\"_self\" target=\"_self\" >T-1327-05<\/a><\/h4>\n<div class=\"pt-cv-content\">\u00a0 \u00a0 NOTA DE LA RELATORIA. MEDIANTE AUTO 079 DE 2007 LA CORTE CONSTITUCIONAL CONCEDIO LA SOLICITUD DE CUMPLIMIENTO DE LA SENTENCIA T-1327 DE 2005 E IMPARTIO LAS ORDENES CORRESPONDIENTES. \u00a0 Sentencia T-1327\/05 \u00a0 ACCION DE TUTELA CONTRA PARTICULARES-Procedencia excepcional \u00a0 ACCION DE TUTELA-Procedencia excepcional pago de salarios atrasados \u00a0 DERECHO A LA SEGURIDAD SOCIAL-Mora del empleador en pago de aportes \u00a0 ACUERDOS DE REESTRUCTURACION EMPRESARIAL-Prevalencia del pago de salarios \u00a0 EMPRESA SOMETIDA A UN ACUERDO DE REESTRUCTURACION EMPRESARIAL-No pago de salarios ni traslado de aportes a seguridad social \u00a0 Referencia: expedientes T-1172591, T-1172592, T-1178878, T-1178879 T-1184656 y T-1184657 (acumulados) ...<br \/><div class=\"pt-cv-rmwrap\"><a href=\"https:\/\/www.dmsjuridica.com\/buscador_20179478954\/corteconstitucionalcronologico202454587\/t-1327-05\/\" class=\"_self pt-cv-readmore btn btn-success\" target=\"_self\">Ver Sentencia Completa...<\/a><\/div><\/div><\/div><\/div>\n<div class=\"col-md-12 col-sm-12 col-xs-12 pt-cv-content-item pt-cv-1-col\" ><div class='pt-cv-ifield'><a href=\"https:\/\/www.dmsjuridica.com\/buscador_20179478954\/corteconstitucionalcronologico202454587\/t-1326-05\/\" class=\"_self pt-cv-href-thumbnail pt-cv-thumb-default\" target=\"_self\" ><\/a>\n<div class=\"pt-cv-taxoterm above_title\"><a href='https:\/\/www.dmsjuridica.com\/buscador_20179478954\/corteconstitucionalcronologico202454587\/category\/buscar-en-toda-la-corte\/2005\/tutelas-2005\/' title='Tutelas 2005' class='pt-cv-tax-tutelas-2005'>Tutelas 2005<\/a><\/div>\n<h4 class=\"pt-cv-title\"><a href=\"https:\/\/www.dmsjuridica.com\/buscador_20179478954\/corteconstitucionalcronologico202454587\/t-1326-05\/\" class=\"_self\" target=\"_self\" >T-1326-05<\/a><\/h4>\n<div class=\"pt-cv-content\">\u00a0 \u00a0 Sentencia T-1326\/05 \u00a0 PENA PRIVATIVA DE LA LIBERTAD-Implica limitaci\u00f3n de los derechos fundamentales del interno \u00a0 DERECHOS FUNDAMENTALES DEL INTERNO-L\u00edmites razonables y proporcionales \u00a0 TRABAJO CARCELARIO-Finalidades para la resocializaci\u00f3n del recluso \u00a0 Es preciso destacar que el trabajo carcelario se desenvuelve bajo unas condiciones determinadas. La actividad laboral desplegada por los internos se desarrolla dentro de las fronteras fijadas por la situaci\u00f3n especial de sujeci\u00f3n y subordinaci\u00f3n en la que se hallan. Esto explica porqu\u00e9, en principio, los v\u00ednculos que surgen como consecuencia de las labores prestadas por los internos no pueden equipararse a aquellos que se derivan ...<br \/><div class=\"pt-cv-rmwrap\"><a href=\"https:\/\/www.dmsjuridica.com\/buscador_20179478954\/corteconstitucionalcronologico202454587\/t-1326-05\/\" class=\"_self pt-cv-readmore btn btn-success\" target=\"_self\">Ver Sentencia Completa...<\/a><\/div><\/div><\/div><\/div>\n<div class=\"col-md-12 col-sm-12 col-xs-12 pt-cv-content-item pt-cv-1-col\" ><div class='pt-cv-ifield'><a href=\"https:\/\/www.dmsjuridica.com\/buscador_20179478954\/corteconstitucionalcronologico202454587\/t-1325-05\/\" class=\"_self pt-cv-href-thumbnail pt-cv-thumb-default\" target=\"_self\" ><\/a>\n<div class=\"pt-cv-taxoterm above_title\"><a href='https:\/\/www.dmsjuridica.com\/buscador_20179478954\/corteconstitucionalcronologico202454587\/category\/buscar-en-toda-la-corte\/2005\/tutelas-2005\/' title='Tutelas 2005' class='pt-cv-tax-tutelas-2005'>Tutelas 2005<\/a><\/div>\n<h4 class=\"pt-cv-title\"><a href=\"https:\/\/www.dmsjuridica.com\/buscador_20179478954\/corteconstitucionalcronologico202454587\/t-1325-05\/\" class=\"_self\" target=\"_self\" >T-1325-05<\/a><\/h4>\n<div class=\"pt-cv-content\">\u00a0 \u00a0 Sentencia T-1325\/05 \u00a0 TEMERIDAD-Concepto\/ACCION DE TUTELA TEMERARIA-Inexistencia por ocurrir nuevos hechos que justifican la solicitud \u00a0 PENSION DE JUBILACION DE FUNCIONARIO DIPLOMATICO-Normatividad aplicable sobre la liquidaci\u00f3n\u00a0 \u00a0 PENSION DE JUBILACION DE FUNCIONARIO DIPLOMATICO-Jurisprudencia constitucional aplicable sobre la liquidaci\u00f3n \u00a0 La jurisprudencia de esta Corporaci\u00f3n ha reiterado tanto por la v\u00eda de las sentencias de constitucionalidad como por medio de sentencias de tutela la inexequibilidad de las previsiones legales que establecen como ingreso base para la cotizaci\u00f3n de los aportes al sistema general de pensiones o la liquidaci\u00f3n de las pensiones de jubilaci\u00f3n, de los funcionarios de la planta ...<br \/><div class=\"pt-cv-rmwrap\"><a href=\"https:\/\/www.dmsjuridica.com\/buscador_20179478954\/corteconstitucionalcronologico202454587\/t-1325-05\/\" class=\"_self pt-cv-readmore btn btn-success\" target=\"_self\">Ver Sentencia Completa...<\/a><\/div><\/div><\/div><\/div>\n<div class=\"col-md-12 col-sm-12 col-xs-12 pt-cv-content-item pt-cv-1-col\" ><div class='pt-cv-ifield'><a href=\"https:\/\/www.dmsjuridica.com\/buscador_20179478954\/corteconstitucionalcronologico202454587\/t-1324-05\/\" class=\"_self pt-cv-href-thumbnail pt-cv-thumb-default\" target=\"_self\" ><\/a>\n<div class=\"pt-cv-taxoterm above_title\"><a href='https:\/\/www.dmsjuridica.com\/buscador_20179478954\/corteconstitucionalcronologico202454587\/category\/buscar-en-toda-la-corte\/2005\/tutelas-2005\/' title='Tutelas 2005' class='pt-cv-tax-tutelas-2005'>Tutelas 2005<\/a><\/div>\n<h4 class=\"pt-cv-title\"><a href=\"https:\/\/www.dmsjuridica.com\/buscador_20179478954\/corteconstitucionalcronologico202454587\/t-1324-05\/\" class=\"_self\" target=\"_self\" >T-1324-05<\/a><\/h4>\n<div class=\"pt-cv-content\">\u00a0 \u00a0 Sentencia T-1324\/05 \u00a0 ACCION DE TUTELA-Reglas de procedencia para el pago de licencia de maternidad \u00a0 LICENCIA DE MATERNIDAD-T\u00e9rmino hasta de un a\u00f1o despu\u00e9s del nacimiento del ni\u00f1o para reclamar por tutela \u00a0 LICENCIA DE MATERNIDAD-Vulneraci\u00f3n del m\u00ednimo vital de la madre y su hijo\u00a0 \u00a0 Referencia: expediente T-1177183 \u00a0 Accionante: Sandra Milena S\u00e1nchez Carrillo. \u00a0 Demandado: COMPENSAR E.P.S. \u00a0 Magistrado Ponente:\u00a0 \u00a0 Dr. RODRIGO ESCOBAR GIL \u00a0 Bogot\u00e1, D. C., \u00a0quince (15 ) de diciembre de dos mil cinco (2005). \u00a0 La Sala Quinta de Revisi\u00f3n de la Corte Constitucional, integrada por los Magistrados Rodrigo Escobar Gil ...<br \/><div class=\"pt-cv-rmwrap\"><a href=\"https:\/\/www.dmsjuridica.com\/buscador_20179478954\/corteconstitucionalcronologico202454587\/t-1324-05\/\" class=\"_self pt-cv-readmore btn btn-success\" target=\"_self\">Ver Sentencia Completa...<\/a><\/div><\/div><\/div><\/div>\n<div class=\"col-md-12 col-sm-12 col-xs-12 pt-cv-content-item pt-cv-1-col\" ><div class='pt-cv-ifield'><a href=\"https:\/\/www.dmsjuridica.com\/buscador_20179478954\/corteconstitucionalcronologico202454587\/t-1323-05\/\" class=\"_self pt-cv-href-thumbnail pt-cv-thumb-default\" target=\"_self\" ><\/a>\n<div class=\"pt-cv-taxoterm above_title\"><a href='https:\/\/www.dmsjuridica.com\/buscador_20179478954\/corteconstitucionalcronologico202454587\/category\/buscar-en-toda-la-corte\/2005\/tutelas-2005\/' title='Tutelas 2005' class='pt-cv-tax-tutelas-2005'>Tutelas 2005<\/a><\/div>\n<h4 class=\"pt-cv-title\"><a href=\"https:\/\/www.dmsjuridica.com\/buscador_20179478954\/corteconstitucionalcronologico202454587\/t-1323-05\/\" class=\"_self\" target=\"_self\" >T-1323-05<\/a><\/h4>\n<div class=\"pt-cv-content\">\u00a0 \u00a0 Sentencia T-1323\/05 \u00a0 ACTO ADMINISTRATIVO DE DESVINCULACION DE EMPLEADOS DE CARRERA-Motivaci\u00f3n\/DERECHO A LA ESTABILIDAD LABORAL-Cargos en provisionalidad\/NOMBRAMIENTO EN PROVISIONALIDAD EN CARGO DE CARRERA ADMINISTRATIVA-Motivaci\u00f3n del acto administrativo de desvinculaci\u00f3n \u00a0 Reiteraci\u00f3n de jurisprudencia \u00a0 Referencia: expediente T-1219275 \u00a0 Acci\u00f3n de tutela instaurada por Julio Real contra la Fiscal\u00eda General de la Naci\u00f3n \u00a0 Dr. MANUEL JOSE CEPEDA ESPINOSA \u00a0 Bogot\u00e1, D. C., quince (15) de diciembre de dos mil cinco (2005) \u00a0 La Sala Tercera de Revisi\u00f3n de la Corte Constitucional, integrada por los magistrados, Manuel Jos\u00e9 Cepeda Espinosa, Jaime C\u00f3rdoba Trivi\u00f1o y Rodrigo Escobar Gil, en ejercicio ...<br \/><div class=\"pt-cv-rmwrap\"><a href=\"https:\/\/www.dmsjuridica.com\/buscador_20179478954\/corteconstitucionalcronologico202454587\/t-1323-05\/\" class=\"_self pt-cv-readmore btn btn-success\" target=\"_self\">Ver Sentencia Completa...<\/a><\/div><\/div><\/div><\/div>\n<div class=\"col-md-12 col-sm-12 col-xs-12 pt-cv-content-item pt-cv-1-col\" ><div class='pt-cv-ifield'><a href=\"https:\/\/www.dmsjuridica.com\/buscador_20179478954\/corteconstitucionalcronologico202454587\/t-1322-05\/\" class=\"_self pt-cv-href-thumbnail pt-cv-thumb-default\" target=\"_self\" ><\/a>\n<div class=\"pt-cv-taxoterm above_title\"><a href='https:\/\/www.dmsjuridica.com\/buscador_20179478954\/corteconstitucionalcronologico202454587\/category\/buscar-en-toda-la-corte\/2005\/tutelas-2005\/' title='Tutelas 2005' class='pt-cv-tax-tutelas-2005'>Tutelas 2005<\/a><\/div>\n<h4 class=\"pt-cv-title\"><a href=\"https:\/\/www.dmsjuridica.com\/buscador_20179478954\/corteconstitucionalcronologico202454587\/t-1322-05\/\" class=\"_self\" target=\"_self\" >T-1322-05<\/a><\/h4>\n<div class=\"pt-cv-content\">\u00a0 \u00a0 Sentencia T-1322\/05 \u00a0 PENA PRIVATIVA DE LA LIBERTAD-Implica limitaci\u00f3n de los derechos fundamentales del interno\/DERECHOS FUNDAMENTALES DEL INTERNO-L\u00edmites razonables y proporcionales \u00a0 PRINCIPIO DE LA CONFIANZA LEGITIMA-Alcance y protecci\u00f3n \u00a0 En principio, en aquellos eventos donde el administrado ha depositado su confianza en las actuaciones de la administraci\u00f3n y espera de ella el trato favorable que le viene proporcionando, no le es dable a esta alterar dichas condiciones de manera s\u00fabita. As\u00ed, este principio exige a las autoridades ser coherentes en sus actuaciones, respetar los compromisos a los que se han obligado y garantizar una cierta estabilidad y ...<br \/><div class=\"pt-cv-rmwrap\"><a href=\"https:\/\/www.dmsjuridica.com\/buscador_20179478954\/corteconstitucionalcronologico202454587\/t-1322-05\/\" class=\"_self pt-cv-readmore btn btn-success\" target=\"_self\">Ver Sentencia Completa...<\/a><\/div><\/div><\/div><\/div>\n<div class=\"col-md-12 col-sm-12 col-xs-12 pt-cv-content-item pt-cv-1-col\" ><div class='pt-cv-ifield'><a href=\"https:\/\/www.dmsjuridica.com\/buscador_20179478954\/corteconstitucionalcronologico202454587\/t-1321-05\/\" class=\"_self pt-cv-href-thumbnail pt-cv-thumb-default\" target=\"_self\" ><\/a>\n<div class=\"pt-cv-taxoterm above_title\"><a href='https:\/\/www.dmsjuridica.com\/buscador_20179478954\/corteconstitucionalcronologico202454587\/category\/buscar-en-toda-la-corte\/2005\/tutelas-2005\/' title='Tutelas 2005' class='pt-cv-tax-tutelas-2005'>Tutelas 2005<\/a><\/div>\n<h4 class=\"pt-cv-title\"><a href=\"https:\/\/www.dmsjuridica.com\/buscador_20179478954\/corteconstitucionalcronologico202454587\/t-1321-05\/\" class=\"_self\" target=\"_self\" >T-1321-05<\/a><\/h4>\n<div class=\"pt-cv-content\">\u00a0 \u00a0 Sentencia T-1321\/05 \u00a0 DERECHO A LA PROPIEDAD PRIVADA POR VIA DE TUTELA-Evoluci\u00f3n jurisprudencial \u00a0 DEBIDO PROCESO-Alcance \u00a0 ACCION DE TUTELA-Car\u00e1cter subsidiario y residual \u00a0 DERECHO DE PROPIEDAD-Inmueble ubicado al lado de la extinta zona franca de Buenaventura \u00a0 DERECHO DE PROPIEDAD-Normatividad y procedimientos legales y judiciales para determinarlo \u00a0 DERECHO A LA PROPIEDAD PRIVADA POR VIA DE TUTELA-Procedencia excepcional por conexidad con derechos fundamentales \u00a0 El derecho a la propiedad solo podr\u00e1 ser protegido y garantizado por v\u00eda de la acci\u00f3n de tutela, siempre y cuando de la protecci\u00f3n que por esta v\u00eda judicial se haga, se garantice ...<br \/><div class=\"pt-cv-rmwrap\"><a href=\"https:\/\/www.dmsjuridica.com\/buscador_20179478954\/corteconstitucionalcronologico202454587\/t-1321-05\/\" class=\"_self pt-cv-readmore btn btn-success\" target=\"_self\">Ver Sentencia Completa...<\/a><\/div><\/div><\/div><\/div>\n<div class=\"col-md-12 col-sm-12 col-xs-12 pt-cv-content-item pt-cv-1-col\" ><div class='pt-cv-ifield'><a href=\"https:\/\/www.dmsjuridica.com\/buscador_20179478954\/corteconstitucionalcronologico202454587\/t-1320-05\/\" class=\"_self pt-cv-href-thumbnail pt-cv-thumb-default\" target=\"_self\" ><\/a>\n<div class=\"pt-cv-taxoterm above_title\"><a href='https:\/\/www.dmsjuridica.com\/buscador_20179478954\/corteconstitucionalcronologico202454587\/category\/buscar-en-toda-la-corte\/2005\/tutelas-2005\/' title='Tutelas 2005' class='pt-cv-tax-tutelas-2005'>Tutelas 2005<\/a><\/div>\n<h4 class=\"pt-cv-title\"><a href=\"https:\/\/www.dmsjuridica.com\/buscador_20179478954\/corteconstitucionalcronologico202454587\/t-1320-05\/\" class=\"_self\" target=\"_self\" >T-1320-05<\/a><\/h4>\n<div class=\"pt-cv-content\">\u00a0 \u00a0 Sentencia T-1320\/05 \u00a0 ACCION DE TUTELA-Carencia actual de objeto por terminaci\u00f3n del proceso ejecutivo hipotecario en uno de los casos presentados \u00a0 ACCION DE TUTELA CONTRA PROVIDENCIAS JUDICIALES-Causales gen\u00e9ricas de procedibilidad\/ACCION DE TUTELA CONTRA PROVIDENCIAS JUDICIALES-Evoluci\u00f3n jurisprudencial \u00a0 LEY 546 de 1999 EN MATERIA DE VIVIENDA-Doctrina de la Corte Constitucional sobre el art\u00edculo 42 par\u00e1grafo 3 \u00a0 LEY 546 de 1999-Subreglas que se pueden deducir de \u00e9sta y de la interpretaci\u00f3n que se ha hecho \u00a0 PROCESO EJECUTIVO HIPOTECARIO-Terminaci\u00f3n y archivo de procesos en curso a 31 de diciembre de 1999\/ACCION DE TUTELA-Procedencia para ordenar terminaci\u00f3n de procesos ...<br \/><div class=\"pt-cv-rmwrap\"><a href=\"https:\/\/www.dmsjuridica.com\/buscador_20179478954\/corteconstitucionalcronologico202454587\/t-1320-05\/\" class=\"_self pt-cv-readmore btn btn-success\" target=\"_self\">Ver Sentencia Completa...<\/a><\/div><\/div><\/div><\/div>\n<div class=\"col-md-12 col-sm-12 col-xs-12 pt-cv-content-item pt-cv-1-col\" ><div class='pt-cv-ifield'><a href=\"https:\/\/www.dmsjuridica.com\/buscador_20179478954\/corteconstitucionalcronologico202454587\/t-132-05\/\" class=\"_self pt-cv-href-thumbnail pt-cv-thumb-default\" target=\"_self\" ><\/a>\n<div class=\"pt-cv-taxoterm above_title\"><a href='https:\/\/www.dmsjuridica.com\/buscador_20179478954\/corteconstitucionalcronologico202454587\/category\/buscar-en-toda-la-corte\/2005\/tutelas-2005\/' title='Tutelas 2005' class='pt-cv-tax-tutelas-2005'>Tutelas 2005<\/a><\/div>\n<h4 class=\"pt-cv-title\"><a href=\"https:\/\/www.dmsjuridica.com\/buscador_20179478954\/corteconstitucionalcronologico202454587\/t-132-05\/\" class=\"_self\" target=\"_self\" >T-132-05<\/a><\/h4>\n<div class=\"pt-cv-content\">\u00a0 \u00a0 Sentencia T-132\/05 \u00a0 DERECHO DE PERMANENCIA EN UN CARGO-Procedencia excepcional de tutela \u00a0 Reiteraci\u00f3n de Jurisprudencia \u00a0 Referencia: expediente T-974703 \u00a0 Acci\u00f3n de tutela instaurada por Melsy Mar\u00eda Eguis Costa contra la Empresa Social del Estado Centro de Rehabilitaci\u00f3n y Diagn\u00f3stico Fernando Troconis \u00a0 Magistrado Ponente: \u00a0 Dr. MANUEL JOSE CEPEDA ESPINOSA \u00a0 Bogot\u00e1, D.C., diecisiete (17) de febrero de dos mil cinco (2005) \u00a0 La Sala Tercera de Revisi\u00f3n de la Corte Constitucional, integrada por los magistrados, Manuel Jos\u00e9 Cepeda Espinosa, Jaime C\u00f3rdoba Trivi\u00f1o y Rodrigo Escobar Gil, en ejercicio de sus competencias constitucionales y legales, ha ...<br \/><div class=\"pt-cv-rmwrap\"><a href=\"https:\/\/www.dmsjuridica.com\/buscador_20179478954\/corteconstitucionalcronologico202454587\/t-132-05\/\" class=\"_self pt-cv-readmore btn btn-success\" target=\"_self\">Ver Sentencia Completa...<\/a><\/div><\/div><\/div><\/div>\n<div class=\"col-md-12 col-sm-12 col-xs-12 pt-cv-content-item pt-cv-1-col\" ><div class='pt-cv-ifield'><a href=\"https:\/\/www.dmsjuridica.com\/buscador_20179478954\/corteconstitucionalcronologico202454587\/t-1319-05\/\" class=\"_self pt-cv-href-thumbnail pt-cv-thumb-default\" target=\"_self\" ><\/a>\n<div class=\"pt-cv-taxoterm above_title\"><a href='https:\/\/www.dmsjuridica.com\/buscador_20179478954\/corteconstitucionalcronologico202454587\/category\/buscar-en-toda-la-corte\/2005\/tutelas-2005\/' title='Tutelas 2005' class='pt-cv-tax-tutelas-2005'>Tutelas 2005<\/a><\/div>\n<h4 class=\"pt-cv-title\"><a href=\"https:\/\/www.dmsjuridica.com\/buscador_20179478954\/corteconstitucionalcronologico202454587\/t-1319-05\/\" class=\"_self\" target=\"_self\" >T-1319-05<\/a><\/h4>\n<div class=\"pt-cv-content\">\u00a0 \u00a0 Sentencia T-1319\/05 \u00a0 BASE DE DATOS-Finalidad\/HABEAS DATA-N\u00facleo esencial \u00a0 DERECHO AL BUEN NOMBRE-Informaci\u00f3n cierta y veraz\/DERECHO A LA INTIMIDAD-Informaci\u00f3n no debe tocar aspectos de la privacidad m\u00ednima de la persona\/HABEAS DATA-Conocimiento, actualizaci\u00f3n y rectificaci\u00f3n de la informaci\u00f3n \u00a0 En lo relativo al manejo de la informaci\u00f3n, la protecci\u00f3n del derecho al buen nombre se circunscribe a que dicha informaci\u00f3n sea cierta y veraz, esto es, que los datos contenidos en ella no sean falsos ni err\u00f3neos. Por su parte, la garant\u00eda del derecho a la intimidad hace referencia a que la informaci\u00f3n no toque aspectos que pertenecen al ...<br \/><div class=\"pt-cv-rmwrap\"><a href=\"https:\/\/www.dmsjuridica.com\/buscador_20179478954\/corteconstitucionalcronologico202454587\/t-1319-05\/\" class=\"_self pt-cv-readmore btn btn-success\" target=\"_self\">Ver Sentencia Completa...<\/a><\/div><\/div><\/div><\/div>\n<div class=\"col-md-12 col-sm-12 col-xs-12 pt-cv-content-item pt-cv-1-col\" ><div class='pt-cv-ifield'><a href=\"https:\/\/www.dmsjuridica.com\/buscador_20179478954\/corteconstitucionalcronologico202454587\/t-1318-05\/\" class=\"_self pt-cv-href-thumbnail pt-cv-thumb-default\" target=\"_self\" ><\/a>\n<div class=\"pt-cv-taxoterm above_title\"><a href='https:\/\/www.dmsjuridica.com\/buscador_20179478954\/corteconstitucionalcronologico202454587\/category\/buscar-en-toda-la-corte\/2005\/tutelas-2005\/' title='Tutelas 2005' class='pt-cv-tax-tutelas-2005'>Tutelas 2005<\/a><\/div>\n<h4 class=\"pt-cv-title\"><a href=\"https:\/\/www.dmsjuridica.com\/buscador_20179478954\/corteconstitucionalcronologico202454587\/t-1318-05\/\" class=\"_self\" target=\"_self\" >T-1318-05<\/a><\/h4>\n<div class=\"pt-cv-content\">\u00a0 \u00a0 Sentencia T-1318\/05 \u00a0 ACCION DE TUTELA FRENTE A CONTROVERSIAS CONTRACTUALES-Improcedencia cuando carecen de relevancia iusfundamental\/ACCION DE TUTELA FRENTE A CONTROVERSIAS CONTRACTUALES-Procedencia excepcional cuando est\u00e1n en juego derechos fundamentales \u00a0 Existe una reiterada jurisprudencia de esta Corporaci\u00f3n en torno a la improcedencia de la acci\u00f3n de tutela para debatir asuntos de naturaleza contractual. No obstante, tal precedente se refiere precisamente a las controversias contractuales que carecen de inmediata relevancia iusfundamental, es decir, de aquellas en las cuales no est\u00e1n implicados derechos fundamentales, por el contrario, cuando en el marco de un disputa de car\u00e1cter contractual est\u00e1n en juego garant\u00edas ...<br \/><div class=\"pt-cv-rmwrap\"><a href=\"https:\/\/www.dmsjuridica.com\/buscador_20179478954\/corteconstitucionalcronologico202454587\/t-1318-05\/\" class=\"_self pt-cv-readmore btn btn-success\" target=\"_self\">Ver Sentencia Completa...<\/a><\/div><\/div><\/div><\/div>\n<div class=\"col-md-12 col-sm-12 col-xs-12 pt-cv-content-item pt-cv-1-col\" ><div class='pt-cv-ifield'><a href=\"https:\/\/www.dmsjuridica.com\/buscador_20179478954\/corteconstitucionalcronologico202454587\/t-1317-05\/\" class=\"_self pt-cv-href-thumbnail pt-cv-thumb-default\" target=\"_self\" ><\/a>\n<div class=\"pt-cv-taxoterm above_title\"><a href='https:\/\/www.dmsjuridica.com\/buscador_20179478954\/corteconstitucionalcronologico202454587\/category\/buscar-en-toda-la-corte\/2005\/tutelas-2005\/' title='Tutelas 2005' class='pt-cv-tax-tutelas-2005'>Tutelas 2005<\/a><\/div>\n<h4 class=\"pt-cv-title\"><a href=\"https:\/\/www.dmsjuridica.com\/buscador_20179478954\/corteconstitucionalcronologico202454587\/t-1317-05\/\" class=\"_self\" target=\"_self\" >T-1317-05<\/a><\/h4>\n<div class=\"pt-cv-content\">\u00a0 \u00a0 Sentencia T-1317\/05 \u00a0 ACCION DE TUTELA CONTRA PROVIDENCIAS JUDICIALES-Procedencia excepcional \u00a0 VIA DE HECHO POR DEFECTO SUSTANTIVO-Casos en que se presenta \u00a0 JUEZ CONSTITUCIONAL-No es competente para definir la interpretaci\u00f3n del derecho laboral\/VIA DE HECHO SUSTANCIAL POR INTERPRETACION ARBITRARIA\u00a0 \u00a0 No es el juez constitucional el funcionario encargado de definir la correcta interpretaci\u00f3n del derecho legislado. En particular, la jurisprudencia ha reconocido que es la Corte Suprema de Justicia la int\u00e9rprete autorizada del derecho laboral. En consecuencia en casos que comporten la interpretaci\u00f3n de una norma de tal naturaleza el juez constitucional debe someterse al precedente establecido por ...<br \/><div class=\"pt-cv-rmwrap\"><a href=\"https:\/\/www.dmsjuridica.com\/buscador_20179478954\/corteconstitucionalcronologico202454587\/t-1317-05\/\" class=\"_self pt-cv-readmore btn btn-success\" target=\"_self\">Ver Sentencia Completa...<\/a><\/div><\/div><\/div><\/div>\n<div class=\"col-md-12 col-sm-12 col-xs-12 pt-cv-content-item pt-cv-1-col\" ><div class='pt-cv-ifield'><a href=\"https:\/\/www.dmsjuridica.com\/buscador_20179478954\/corteconstitucionalcronologico202454587\/t-1316-05\/\" class=\"_self pt-cv-href-thumbnail pt-cv-thumb-default\" target=\"_self\" ><\/a>\n<div class=\"pt-cv-taxoterm above_title\"><a href='https:\/\/www.dmsjuridica.com\/buscador_20179478954\/corteconstitucionalcronologico202454587\/category\/buscar-en-toda-la-corte\/2005\/tutelas-2005\/' title='Tutelas 2005' class='pt-cv-tax-tutelas-2005'>Tutelas 2005<\/a><\/div>\n<h4 class=\"pt-cv-title\"><a href=\"https:\/\/www.dmsjuridica.com\/buscador_20179478954\/corteconstitucionalcronologico202454587\/t-1316-05\/\" class=\"_self\" target=\"_self\" >T-1316-05<\/a><\/h4>\n<div class=\"pt-cv-content\">\u00a0 \u00a0 Sentencia T-1316\/05 \u00a0 NOMBRAMIENTO EN PROVISIONALIDAD EN CARGO DE CARRERA ADMINISTRATIVA-Motivaci\u00f3n del acto administrativo de desvinculaci\u00f3n\/DERECHO A LA ESTABILIDAD LABORAL-Cargos en provisionalidad \u00a0 DEBIDO PROCESO-Vulneraci\u00f3n por declaraci\u00f3n de insubsistencia de cargo de carrera en provisionalidad en la Fiscal\u00eda sin motivaci\u00f3n del acto administrativo \u00a0 Referencia: expediente T-1185667 \u00a0 Accionante: Javier Eduardo Murcia C\u00e1ceres\u00a0 \u00a0 Demandado: Fiscal\u00eda General de la Naci\u00f3n \u00a0 Magistrado Ponente:\u00a0 \u00a0 Dr. RODRIGO ESCOBAR GIL \u00a0 Bogot\u00e1, D. C., trece (13) de diciembre de dos mil cinco (2005). \u00a0 La Sala Quinta de Revisi\u00f3n de la Corte Constitucional, integrada por los Magistrados Rodrigo Escobar Gil, ...<br \/><div class=\"pt-cv-rmwrap\"><a href=\"https:\/\/www.dmsjuridica.com\/buscador_20179478954\/corteconstitucionalcronologico202454587\/t-1316-05\/\" class=\"_self pt-cv-readmore btn btn-success\" target=\"_self\">Ver Sentencia Completa...<\/a><\/div><\/div><\/div><\/div>\n<div class=\"col-md-12 col-sm-12 col-xs-12 pt-cv-content-item pt-cv-1-col\" ><div class='pt-cv-ifield'><a href=\"https:\/\/www.dmsjuridica.com\/buscador_20179478954\/corteconstitucionalcronologico202454587\/t-1315-05\/\" class=\"_self pt-cv-href-thumbnail pt-cv-thumb-default\" target=\"_self\" ><\/a>\n<div class=\"pt-cv-taxoterm above_title\"><a href='https:\/\/www.dmsjuridica.com\/buscador_20179478954\/corteconstitucionalcronologico202454587\/category\/buscar-en-toda-la-corte\/2005\/tutelas-2005\/' title='Tutelas 2005' class='pt-cv-tax-tutelas-2005'>Tutelas 2005<\/a><\/div>\n<h4 class=\"pt-cv-title\"><a href=\"https:\/\/www.dmsjuridica.com\/buscador_20179478954\/corteconstitucionalcronologico202454587\/t-1315-05\/\" class=\"_self\" target=\"_self\" >T-1315-05<\/a><\/h4>\n<div class=\"pt-cv-content\">\u00a0 \u00a0 Sentencia T-1315\/05 \u00a0 Referencia: expediente T-1185262 \u00a0 Asunto: Acci\u00f3n de tutela instaurada por Hugo Fernando Quintero Calle contra el Tribunal Superior del Distrito Judicial de Manizales, Sala de Decisi\u00f3n Penal. \u00a0 Magistrado Ponente:\u00a0 \u00a0 Dr. RODRIGO ESCOBAR GIL \u00a0 Bogot\u00e1, D. C., trece (13) de diciembre de dos mil cinco (2005). \u00a0 La Sala Quinta de Revisi\u00f3n de la Corte Constitucional, integrada por los Magistrados Rodrigo Escobar Gil, Marco Gerardo Monroy Cabra y Humberto Antonio Sierra Porto, en ejercicio de sus competencias constitucionales y legales, ha pronunciado la siguiente, \u00a0 SENTENCIA \u00a0 En el proceso de revisi\u00f3n del ...<br \/><div class=\"pt-cv-rmwrap\"><a href=\"https:\/\/www.dmsjuridica.com\/buscador_20179478954\/corteconstitucionalcronologico202454587\/t-1315-05\/\" class=\"_self pt-cv-readmore btn btn-success\" target=\"_self\">Ver Sentencia Completa...<\/a><\/div><\/div><\/div><\/div>\n<div class=\"col-md-12 col-sm-12 col-xs-12 pt-cv-content-item pt-cv-1-col\" ><div class='pt-cv-ifield'><a href=\"https:\/\/www.dmsjuridica.com\/buscador_20179478954\/corteconstitucionalcronologico202454587\/t-1314-05\/\" class=\"_self pt-cv-href-thumbnail pt-cv-thumb-default\" target=\"_self\" ><\/a>\n<div class=\"pt-cv-taxoterm above_title\"><a href='https:\/\/www.dmsjuridica.com\/buscador_20179478954\/corteconstitucionalcronologico202454587\/category\/buscar-en-toda-la-corte\/2005\/tutelas-2005\/' title='Tutelas 2005' class='pt-cv-tax-tutelas-2005'>Tutelas 2005<\/a><\/div>\n<h4 class=\"pt-cv-title\"><a href=\"https:\/\/www.dmsjuridica.com\/buscador_20179478954\/corteconstitucionalcronologico202454587\/t-1314-05\/\" class=\"_self\" target=\"_self\" >T-1314-05<\/a><\/h4>\n<div class=\"pt-cv-content\">\u00a0 \u00a0 Sentencia T-1314\/05 \u00a0 DERECHO A LA SALUD DE BEBE PREMATURO-Fundamental \u00a0 PRINCIPIO DE CONTINUIDAD EN EL SERVICIO DE SALUD-Interrupci\u00f3n vulnera derechos fundamentales \u00a0 INAPLICACION DE NORMAS DEL PLAN OBLIGATORIO DE SALUD-Casos en que procede por exclusi\u00f3n de tratamientos y medicamentos de alto costo\/DERECHO A LA SALUD Y A LA VIDA-Requisitos para ordenar tratamientos o medicamentos no incluidos en el POS \u00a0 REGIMEN CONTRIBUTIVO DE SALUD-Proporcionalidad en las cargas que asumen los afiliados\/PRINCIPIO DE GASTOS SOPORTABLES-Se afecta cuando el afiliado al r\u00e9gimen contributivo asume una carga desproporcionada \u00a0 El criterio de proporcionalidad en las cargas desde el punto de ...<br \/><div class=\"pt-cv-rmwrap\"><a href=\"https:\/\/www.dmsjuridica.com\/buscador_20179478954\/corteconstitucionalcronologico202454587\/t-1314-05\/\" class=\"_self pt-cv-readmore btn btn-success\" target=\"_self\">Ver Sentencia Completa...<\/a><\/div><\/div><\/div><\/div>\n<div class=\"col-md-12 col-sm-12 col-xs-12 pt-cv-content-item pt-cv-1-col\" ><div class='pt-cv-ifield'><a href=\"https:\/\/www.dmsjuridica.com\/buscador_20179478954\/corteconstitucionalcronologico202454587\/t-1313-05\/\" class=\"_self pt-cv-href-thumbnail pt-cv-thumb-default\" target=\"_self\" ><\/a>\n<div class=\"pt-cv-taxoterm above_title\"><a href='https:\/\/www.dmsjuridica.com\/buscador_20179478954\/corteconstitucionalcronologico202454587\/category\/buscar-en-toda-la-corte\/2005\/tutelas-2005\/' title='Tutelas 2005' class='pt-cv-tax-tutelas-2005'>Tutelas 2005<\/a><\/div>\n<h4 class=\"pt-cv-title\"><a href=\"https:\/\/www.dmsjuridica.com\/buscador_20179478954\/corteconstitucionalcronologico202454587\/t-1313-05\/\" class=\"_self\" target=\"_self\" >T-1313-05<\/a><\/h4>\n<div class=\"pt-cv-content\">\u00a0 \u00a0 Sentencia T-1313\/05 \u00a0 DERECHO A LA SALUD-Fundamental por conexidad\/DERECHO A LA SALUD-Fundamental aut\u00f3nomo \u00a0 DERECHO A LA SALUD DE PARTICIPANTES VINCULADOS AL SISTEMA DE SEGURIDAD SOCIAL-Atenci\u00f3n prioritaria \u00a0 DERECHO A LA SALUD DE PERSONA AFILIADA AL REGIMEN SUBSIDIADO-Atenci\u00f3n en caso de traslado de residencia a otro municipio \u00a0 DERECHO A LA SALUD-Cambio de municipio no es obst\u00e1culo para continuar con el tratamiento m\u00e9dico \u00a0 DERECHO A LA SALUD-Continuidad en la prestaci\u00f3n del servicio m\u00e9dico mientras se realiza nueva encuesta donde reside el actor \u00a0 Referencia: expediente T-1200810 \u00a0 Acci\u00f3n de tutela instaurada por Luis Carlos Pe\u00f1a Meneses contra ...<br \/><div class=\"pt-cv-rmwrap\"><a href=\"https:\/\/www.dmsjuridica.com\/buscador_20179478954\/corteconstitucionalcronologico202454587\/t-1313-05\/\" class=\"_self pt-cv-readmore btn btn-success\" target=\"_self\">Ver Sentencia Completa...<\/a><\/div><\/div><\/div><\/div>\n<div class=\"col-md-12 col-sm-12 col-xs-12 pt-cv-content-item pt-cv-1-col\" ><div class='pt-cv-ifield'><a href=\"https:\/\/www.dmsjuridica.com\/buscador_20179478954\/corteconstitucionalcronologico202454587\/t-1312-05\/\" class=\"_self pt-cv-href-thumbnail pt-cv-thumb-default\" target=\"_self\" ><\/a>\n<div class=\"pt-cv-taxoterm above_title\"><a href='https:\/\/www.dmsjuridica.com\/buscador_20179478954\/corteconstitucionalcronologico202454587\/category\/buscar-en-toda-la-corte\/2005\/tutelas-2005\/' title='Tutelas 2005' class='pt-cv-tax-tutelas-2005'>Tutelas 2005<\/a><\/div>\n<h4 class=\"pt-cv-title\"><a href=\"https:\/\/www.dmsjuridica.com\/buscador_20179478954\/corteconstitucionalcronologico202454587\/t-1312-05\/\" class=\"_self\" target=\"_self\" >T-1312-05<\/a><\/h4>\n<div class=\"pt-cv-content\">\u00a0 \u00a0 Sentencia T-1312\/05 \u00a0 DERECHO A LA SALUD DEL ENFERMO DE SIDA-Protecci\u00f3n constitucional \u00a0 DERECHO A LA SALUD Y A LA VIDA-Requisitos para ordenar servicios m\u00e9dicos o medicamentos no incluidos en el POS\/INCAPACIDAD ECONOMICA-Prueba\/INCAPACIDAD ECONOMICA-Subreglas aplicables \u00a0 DERECHO A LA SALUD DEL ENFERMO DE SIDA-Suministro de tratamiento y medicamentos por EPS \u00a0 Referencia: expediente T-1187289 \u00a0 Acci\u00f3n de tutela instaurada por Jaime Ernesto Castillo Alfonso contra Cafesalud EPS\u00a0 \u00a0 Magistrado Ponente: \u00a0 Dr. ALVARO TAFUR GALVIS. \u00a0 \u00a0 Bogot\u00e1 D. C., trece (13) de diciembre de dos mil cinco (2005)\u00a0 \u00a0 La Sala Octava de Revisi\u00f3n de la Corte ...<br \/><div class=\"pt-cv-rmwrap\"><a href=\"https:\/\/www.dmsjuridica.com\/buscador_20179478954\/corteconstitucionalcronologico202454587\/t-1312-05\/\" class=\"_self pt-cv-readmore btn btn-success\" target=\"_self\">Ver Sentencia Completa...<\/a><\/div><\/div><\/div><\/div>\n<div class=\"col-md-12 col-sm-12 col-xs-12 pt-cv-content-item pt-cv-1-col\" ><div class='pt-cv-ifield'><a href=\"https:\/\/www.dmsjuridica.com\/buscador_20179478954\/corteconstitucionalcronologico202454587\/t-1311-05\/\" class=\"_self pt-cv-href-thumbnail pt-cv-thumb-default\" target=\"_self\" ><\/a>\n<div class=\"pt-cv-taxoterm above_title\"><a href='https:\/\/www.dmsjuridica.com\/buscador_20179478954\/corteconstitucionalcronologico202454587\/category\/buscar-en-toda-la-corte\/2005\/tutelas-2005\/' title='Tutelas 2005' class='pt-cv-tax-tutelas-2005'>Tutelas 2005<\/a><\/div>\n<h4 class=\"pt-cv-title\"><a href=\"https:\/\/www.dmsjuridica.com\/buscador_20179478954\/corteconstitucionalcronologico202454587\/t-1311-05\/\" class=\"_self\" target=\"_self\" >T-1311-05<\/a><\/h4>\n<div class=\"pt-cv-content\">\u00a0 \u00a0 Sentencia T-1311\/05 \u00a0 DERECHO A LA SALUD Y A LA VIDA-Protecci\u00f3n aun cuando no exista peligro de muerte \u00a0 ACCION DE TUTELA-Procedencia excepcional para suministro de medicamentos, ex\u00e1menes o procedimientos excluidos del POS \u00a0 DERECHO A LA SALUD-Prevalece prescripci\u00f3n m\u00e9dica y no decisi\u00f3n que tome el Comit\u00e9 T\u00e9cnico Cient\u00edfico sobre el tratamiento o medicamentos \u00a0 Referencia: expediente T-1199275 \u00a0 Acci\u00f3n de tutela instaurada por Ana Cecilia Coral Idrobo contra el Seguro Social \u2013Seccional Cauca- \u00a0 Magistrado Ponente: \u00a0 Dr. ALVARO TAFUR GALVIS \u00a0 Bogot\u00e1, D. C., trece (13) de diciembre de dos mil cinco (2005). \u00a0 La Sala ...<br \/><div class=\"pt-cv-rmwrap\"><a href=\"https:\/\/www.dmsjuridica.com\/buscador_20179478954\/corteconstitucionalcronologico202454587\/t-1311-05\/\" class=\"_self pt-cv-readmore btn btn-success\" target=\"_self\">Ver Sentencia Completa...<\/a><\/div><\/div><\/div><\/div>\n<div class=\"col-md-12 col-sm-12 col-xs-12 pt-cv-content-item pt-cv-1-col\" ><div class='pt-cv-ifield'><a href=\"https:\/\/www.dmsjuridica.com\/buscador_20179478954\/corteconstitucionalcronologico202454587\/t-1310-05\/\" class=\"_self pt-cv-href-thumbnail pt-cv-thumb-default\" target=\"_self\" ><\/a>\n<div class=\"pt-cv-taxoterm above_title\"><a href='https:\/\/www.dmsjuridica.com\/buscador_20179478954\/corteconstitucionalcronologico202454587\/category\/buscar-en-toda-la-corte\/2005\/tutelas-2005\/' title='Tutelas 2005' class='pt-cv-tax-tutelas-2005'>Tutelas 2005<\/a><\/div>\n<h4 class=\"pt-cv-title\"><a href=\"https:\/\/www.dmsjuridica.com\/buscador_20179478954\/corteconstitucionalcronologico202454587\/t-1310-05\/\" class=\"_self\" target=\"_self\" >T-1310-05<\/a><\/h4>\n<div class=\"pt-cv-content\">\u00a0 \u00a0 Sentencia T-1310\/05 \u00a0 DERECHO A LA ESTABILIDAD LABORAL-No se reduce por ocupar cargo de carrera administrativa en provisionalidad \u00a0 NOMBRAMIENTO EN PROVISIONALIDAD EN CARGO DE CARRERA ADMINISTRATIVA-Motivaci\u00f3n del acto administrativo de desvinculaci\u00f3n \u00a0 RETEN SOCIAL-Extensi\u00f3n a padres cabeza de familia\/PADRE CABEZA DE FAMILIA-Desarrollo del concepto\/PADRE CABEZA DE FAMILIA-Requisitos que debe demostrar \u00a0 DEBIDO PROCESO-Vulneraci\u00f3n por declaraci\u00f3n de insubsistencia de cargo de carrera en provisionalidad en la Fiscal\u00eda sin motivaci\u00f3n del acto administrativo \u00a0 Lo que s\u00ed se encuentra probado en el proceso es la falta de motivaci\u00f3n del acto administrativo que declar\u00f3 insubsistente al actor del cargo de ...<br \/><div class=\"pt-cv-rmwrap\"><a href=\"https:\/\/www.dmsjuridica.com\/buscador_20179478954\/corteconstitucionalcronologico202454587\/t-1310-05\/\" class=\"_self pt-cv-readmore btn btn-success\" target=\"_self\">Ver Sentencia Completa...<\/a><\/div><\/div><\/div><\/div>\n<div class=\"col-md-12 col-sm-12 col-xs-12 pt-cv-content-item pt-cv-1-col\" ><div class='pt-cv-ifield'><a href=\"https:\/\/www.dmsjuridica.com\/buscador_20179478954\/corteconstitucionalcronologico202454587\/t-131-05\/\" class=\"_self pt-cv-href-thumbnail pt-cv-thumb-default\" target=\"_self\" ><\/a>\n<div class=\"pt-cv-taxoterm above_title\"><a href='https:\/\/www.dmsjuridica.com\/buscador_20179478954\/corteconstitucionalcronologico202454587\/category\/buscar-en-toda-la-corte\/2005\/tutelas-2005\/' title='Tutelas 2005' class='pt-cv-tax-tutelas-2005'>Tutelas 2005<\/a><\/div>\n<h4 class=\"pt-cv-title\"><a href=\"https:\/\/www.dmsjuridica.com\/buscador_20179478954\/corteconstitucionalcronologico202454587\/t-131-05\/\" class=\"_self\" target=\"_self\" >T-131-05<\/a><\/h4>\n<div class=\"pt-cv-content\">\u00a0 \u00a0 Sentencia T-131\/05 \u00a0 ACCION DE TUTELA-Improcedencia para exigir ejecuci\u00f3n de sentencia de cumplimiento\u00a0 \u00a0 Los jueces de tutela afirmaron que la acci\u00f3n era improcedente. Fundamentaron su decisi\u00f3n con el argumento de que los hechos materia \u00a0del proceso deb\u00edan ser objeto de la acci\u00f3n de cumplimiento \u2013 como ya lo hab\u00edan sido \u2013 y de que la inejecuci\u00f3n de la sentencia de cumplimiento deb\u00eda ser acusada por medio de un incidente de desacato.\u00a0 \u00a0 ACCION DE TUTELA-Procedencia cuando la inejecuci\u00f3n de la sentencia de cumplimiento vulnera un derecho fundamental\/ACCION DE TUTELA-Procedencia para proteger derechos pol\u00edticos \u00a0 La acci\u00f3n de ...<br \/><div class=\"pt-cv-rmwrap\"><a href=\"https:\/\/www.dmsjuridica.com\/buscador_20179478954\/corteconstitucionalcronologico202454587\/t-131-05\/\" class=\"_self pt-cv-readmore btn btn-success\" target=\"_self\">Ver Sentencia Completa...<\/a><\/div><\/div><\/div><\/div>\n<div class=\"col-md-12 col-sm-12 col-xs-12 pt-cv-content-item pt-cv-1-col\" ><div class='pt-cv-ifield'><a href=\"https:\/\/www.dmsjuridica.com\/buscador_20179478954\/corteconstitucionalcronologico202454587\/t-1309-05\/\" class=\"_self pt-cv-href-thumbnail pt-cv-thumb-default\" target=\"_self\" ><\/a>\n<div class=\"pt-cv-taxoterm above_title\"><a href='https:\/\/www.dmsjuridica.com\/buscador_20179478954\/corteconstitucionalcronologico202454587\/category\/buscar-en-toda-la-corte\/2005\/tutelas-2005\/' title='Tutelas 2005' class='pt-cv-tax-tutelas-2005'>Tutelas 2005<\/a><\/div>\n<h4 class=\"pt-cv-title\"><a href=\"https:\/\/www.dmsjuridica.com\/buscador_20179478954\/corteconstitucionalcronologico202454587\/t-1309-05\/\" class=\"_self\" target=\"_self\" >T-1309-05<\/a><\/h4>\n<div class=\"pt-cv-content\">\u00a0 \u00a0 Sentencia T-1309\/05 \u00a0 ACCION DE TUTELA-Improcedencia general para resolver controversias pensionales\/ACCION DE TUTELA-Procedencia excepcional para ordenar reconocimiento de pensi\u00f3n ante ocurrencia de un perjuicio irremediable o una v\u00eda de hecho \u00a0 Si bien la acci\u00f3n de tutela no es el mecanismo adecuado para ordenar el reconocimiento de derechos pensionales, por regla general, bajo ciertas circunstancias excepcionales, cuando el mecanismo previsto en la legislaci\u00f3n laboral no sea lo suficientemente expedito para la protecci\u00f3n inmediata del derecho involucrado, y ante la inminente ocurrencia de un perjuicio irremediable que exige la adopci\u00f3n de medidas inmediatas, ser\u00eda procedente, de manera excepcional, se ...<br \/><div class=\"pt-cv-rmwrap\"><a href=\"https:\/\/www.dmsjuridica.com\/buscador_20179478954\/corteconstitucionalcronologico202454587\/t-1309-05\/\" class=\"_self pt-cv-readmore btn btn-success\" target=\"_self\">Ver Sentencia Completa...<\/a><\/div><\/div><\/div><\/div>\n<div class=\"col-md-12 col-sm-12 col-xs-12 pt-cv-content-item pt-cv-1-col\" ><div class='pt-cv-ifield'><a href=\"https:\/\/www.dmsjuridica.com\/buscador_20179478954\/corteconstitucionalcronologico202454587\/t-1308-05\/\" class=\"_self pt-cv-href-thumbnail pt-cv-thumb-default\" target=\"_self\" ><\/a>\n<div class=\"pt-cv-taxoterm above_title\"><a href='https:\/\/www.dmsjuridica.com\/buscador_20179478954\/corteconstitucionalcronologico202454587\/category\/buscar-en-toda-la-corte\/2005\/tutelas-2005\/' title='Tutelas 2005' class='pt-cv-tax-tutelas-2005'>Tutelas 2005<\/a><\/div>\n<h4 class=\"pt-cv-title\"><a href=\"https:\/\/www.dmsjuridica.com\/buscador_20179478954\/corteconstitucionalcronologico202454587\/t-1308-05\/\" class=\"_self\" target=\"_self\" >T-1308-05<\/a><\/h4>\n<div class=\"pt-cv-content\">\u00a0 \u00a0 Sentencia T-1308\/05 \u00a0 DEBIDO PROCESO ADMINISTRATIVO-Definici\u00f3n \u00a0 PRINCIPIO DE LEGALIDAD-Integrador del debido proceso \u00a0 AUTONOMIA UNIVERSITARIA-No es absoluta\/AUTONOMIA UNIVERSITARIA-L\u00edmites \u00a0 DEBIDO PROCESO ADMINISTRATIVO-Aplicaci\u00f3n en procedimientos internos de entes universitarios aut\u00f3nomos \u00a0 ACCION DE TUTELA-Improcedencia general para controvertir actos de car\u00e1cter general y abstracto en desarrollo de procesos electorales de rectores de entes universitarios aut\u00f3nomos\/ACCION DE TUTELA-Procedencia excepcional se condiciona a que su ejercicio se produzca antes de la elecci\u00f3n de rector universitario \u00a0 (i) La acci\u00f3n de tutela no procede para controvertir actos administrativos de contenido general y abstracto que se profieran en desarrollo de procesos electorales para ...<br \/><div class=\"pt-cv-rmwrap\"><a href=\"https:\/\/www.dmsjuridica.com\/buscador_20179478954\/corteconstitucionalcronologico202454587\/t-1308-05\/\" class=\"_self pt-cv-readmore btn btn-success\" target=\"_self\">Ver Sentencia Completa...<\/a><\/div><\/div><\/div><\/div>\n<div class=\"col-md-12 col-sm-12 col-xs-12 pt-cv-content-item pt-cv-1-col\" ><div class='pt-cv-ifield'><a href=\"https:\/\/www.dmsjuridica.com\/buscador_20179478954\/corteconstitucionalcronologico202454587\/t-1307-05\/\" class=\"_self pt-cv-href-thumbnail pt-cv-thumb-default\" target=\"_self\" ><\/a>\n<div class=\"pt-cv-taxoterm above_title\"><a href='https:\/\/www.dmsjuridica.com\/buscador_20179478954\/corteconstitucionalcronologico202454587\/category\/buscar-en-toda-la-corte\/2005\/tutelas-2005\/' title='Tutelas 2005' class='pt-cv-tax-tutelas-2005'>Tutelas 2005<\/a><\/div>\n<h4 class=\"pt-cv-title\"><a href=\"https:\/\/www.dmsjuridica.com\/buscador_20179478954\/corteconstitucionalcronologico202454587\/t-1307-05\/\" class=\"_self\" target=\"_self\" >T-1307-05<\/a><\/h4>\n<div class=\"pt-cv-content\">\u00a0 \u00a0 Sentencia T-1307\/05 \u00a0 PRINCIPIO DEL JUEZ NATURAL EN MATERIA DISCIPLINARIA-Operancia \u00a0 PRINCIPIO DEL JUEZ NATURAL EN MATERIA DISCIPLINARIA-Desarrollo constitucional y legal \u00a0 PROCURADORIA DELEGADA-Competencia para el ejercicio del poder disciplinario preferente \u00a0 En principio, en el presente caso la competencia para el ejercicio del poder disciplinario preferente estar\u00eda atribuida a los Procuradores Delegados, quienes la ejercen por delegaci\u00f3n del Procurador General de la Naci\u00f3n y sin perjuicio de la posibilidad que tiene \u00e9ste para reasumirla en cualquier o momento en los t\u00e9rminos de la ley, que han sido precisados por la jurisprudencia Constitucional. \u00a0 INDAGACION PRELIMINAR EN PROCESO ...<br \/><div class=\"pt-cv-rmwrap\"><a href=\"https:\/\/www.dmsjuridica.com\/buscador_20179478954\/corteconstitucionalcronologico202454587\/t-1307-05\/\" class=\"_self pt-cv-readmore btn btn-success\" target=\"_self\">Ver Sentencia Completa...<\/a><\/div><\/div><\/div><\/div>\n<div class=\"col-md-12 col-sm-12 col-xs-12 pt-cv-content-item pt-cv-1-col\" ><div class='pt-cv-ifield'><a href=\"https:\/\/www.dmsjuridica.com\/buscador_20179478954\/corteconstitucionalcronologico202454587\/t-1306-05\/\" class=\"_self pt-cv-href-thumbnail pt-cv-thumb-default\" target=\"_self\" ><\/a>\n<div class=\"pt-cv-taxoterm above_title\"><a href='https:\/\/www.dmsjuridica.com\/buscador_20179478954\/corteconstitucionalcronologico202454587\/category\/buscar-en-toda-la-corte\/2005\/tutelas-2005\/' title='Tutelas 2005' class='pt-cv-tax-tutelas-2005'>Tutelas 2005<\/a><\/div>\n<h4 class=\"pt-cv-title\"><a href=\"https:\/\/www.dmsjuridica.com\/buscador_20179478954\/corteconstitucionalcronologico202454587\/t-1306-05\/\" class=\"_self\" target=\"_self\" >T-1306-05<\/a><\/h4>\n<div class=\"pt-cv-content\">\u00a0 \u00a0 Sentencia T-1306\/05 \u00a0 PLAN OBLIGATORIO DE SALUD-Exigencia de periodos m\u00ednimos de cotizaci\u00f3n para el cubrimiento de enfermedades de alto costo\/DERECHO A LA SALUD Y A LA VIDA-Inaplicaci\u00f3n de periodos m\u00ednimos de cotizaci\u00f3n ante situaciones de urgencia \u00a0 De acuerdo a la jurisprudencia, en el sub lite se cumplen las condiciones establecidas pues en primer lugar, nos encontramos frente a una enfermedad de car\u00e1cter grave, cuyo tratamiento es urgente y en segundo lugar se desprende del acervo probatorio que la actora carec\u00eda al momento de la prestaci\u00f3n de los servicios de los recursos necesarios para sufragar el porcentaje correspondiente ...<br \/><div class=\"pt-cv-rmwrap\"><a href=\"https:\/\/www.dmsjuridica.com\/buscador_20179478954\/corteconstitucionalcronologico202454587\/t-1306-05\/\" class=\"_self pt-cv-readmore btn btn-success\" target=\"_self\">Ver Sentencia Completa...<\/a><\/div><\/div><\/div><\/div>\n<div class=\"col-md-12 col-sm-12 col-xs-12 pt-cv-content-item pt-cv-1-col\" ><div class='pt-cv-ifield'><a href=\"https:\/\/www.dmsjuridica.com\/buscador_20179478954\/corteconstitucionalcronologico202454587\/t-1305-05\/\" class=\"_self pt-cv-href-thumbnail pt-cv-thumb-default\" target=\"_self\" ><\/a>\n<div class=\"pt-cv-taxoterm above_title\"><a href='https:\/\/www.dmsjuridica.com\/buscador_20179478954\/corteconstitucionalcronologico202454587\/category\/buscar-en-toda-la-corte\/2005\/tutelas-2005\/' title='Tutelas 2005' class='pt-cv-tax-tutelas-2005'>Tutelas 2005<\/a><\/div>\n<h4 class=\"pt-cv-title\"><a href=\"https:\/\/www.dmsjuridica.com\/buscador_20179478954\/corteconstitucionalcronologico202454587\/t-1305-05\/\" class=\"_self\" target=\"_self\" >T-1305-05<\/a><\/h4>\n<div class=\"pt-cv-content\">\u00a0 \u00a0 Sentencia T-1305\/05 \u00a0 LICENCIA DE MATERNIDAD-Objeto\/LICENCIA DE MATERNIDAD-Hace parte del m\u00ednimo vital\/LICENCIA DE MATERNIDAD-Reglas para que proceda el pago por tutela \u00a0 Referencia: expediente T-1190576 \u00a0 Acci\u00f3n de tutela incoada por Xiomara Margarita Ditta Ripoll contra Coomeva E.P.S. \u00a0 Magistrado Ponente: \u00a0 Dr. JAIME C\u00d3RDOBA TRIVI\u00d1O \u00a0 Bogot\u00e1, D. C., nueve (9) de diciembre de dos mil cinco (2005). \u00a0 La Sala Cuarta de Revisi\u00f3n de la Corte Constitucional, en ejercicio de sus competencias constitucionales y legales, espec\u00edficamente las previstas en los art\u00edculos 86 y 241, numeral 9, de la Constituci\u00f3n Pol\u00edtica y en el Decreto 2591 de ...<br \/><div class=\"pt-cv-rmwrap\"><a href=\"https:\/\/www.dmsjuridica.com\/buscador_20179478954\/corteconstitucionalcronologico202454587\/t-1305-05\/\" class=\"_self pt-cv-readmore btn btn-success\" target=\"_self\">Ver Sentencia Completa...<\/a><\/div><\/div><\/div><\/div>\n<div class=\"col-md-12 col-sm-12 col-xs-12 pt-cv-content-item pt-cv-1-col\" ><div class='pt-cv-ifield'><a href=\"https:\/\/www.dmsjuridica.com\/buscador_20179478954\/corteconstitucionalcronologico202454587\/t-1304-05\/\" class=\"_self pt-cv-href-thumbnail pt-cv-thumb-default\" target=\"_self\" ><\/a>\n<div class=\"pt-cv-taxoterm above_title\"><a href='https:\/\/www.dmsjuridica.com\/buscador_20179478954\/corteconstitucionalcronologico202454587\/category\/buscar-en-toda-la-corte\/2005\/tutelas-2005\/' title='Tutelas 2005' class='pt-cv-tax-tutelas-2005'>Tutelas 2005<\/a><\/div>\n<h4 class=\"pt-cv-title\"><a href=\"https:\/\/www.dmsjuridica.com\/buscador_20179478954\/corteconstitucionalcronologico202454587\/t-1304-05\/\" class=\"_self\" target=\"_self\" >T-1304-05<\/a><\/h4>\n<div class=\"pt-cv-content\">\u00a0 \u00a0 Sentencia T-1304\/05 \u00a0 INAPLICACION DE NORMAS DEL PLAN OBLIGATORIO DE SALUD-Casos en que procede por exclusi\u00f3n de tratamientos y medicamentos de alto costo \u00a0 DERECHO A LA SALUD Y A LA VIDA-Requisitos para ordenar servicios m\u00e9dicos o medicamentos no incluidos en el POS \u00a0 ENTIDAD PROMOTORA DE SALUD-Suministro de medicamento para los ojos que no puede ser sustituido por otro \u00a0 Referencia: expediente T-1182401 \u00a0 Acci\u00f3n de tutela interpuesta por Josefa Rozo Clavijo contra COMPENSAR EPS \u00a0 Magistrado Ponente:\u00a0 \u00a0 Dr. JAIME C\u00d3RDOBA TRIVI\u00d1O \u00a0 Bogot\u00e1, D. C., nueve (9) de diciembre de dos mil cinco (2005). \u00a0 ...<br \/><div class=\"pt-cv-rmwrap\"><a href=\"https:\/\/www.dmsjuridica.com\/buscador_20179478954\/corteconstitucionalcronologico202454587\/t-1304-05\/\" class=\"_self pt-cv-readmore btn btn-success\" target=\"_self\">Ver Sentencia Completa...<\/a><\/div><\/div><\/div><\/div>\n<div class=\"col-md-12 col-sm-12 col-xs-12 pt-cv-content-item pt-cv-1-col\" ><div class='pt-cv-ifield'><a href=\"https:\/\/www.dmsjuridica.com\/buscador_20179478954\/corteconstitucionalcronologico202454587\/t-1303-05\/\" class=\"_self pt-cv-href-thumbnail pt-cv-thumb-default\" target=\"_self\" ><\/a>\n<div class=\"pt-cv-taxoterm above_title\"><a href='https:\/\/www.dmsjuridica.com\/buscador_20179478954\/corteconstitucionalcronologico202454587\/category\/buscar-en-toda-la-corte\/2005\/tutelas-2005\/' title='Tutelas 2005' class='pt-cv-tax-tutelas-2005'>Tutelas 2005<\/a><\/div>\n<h4 class=\"pt-cv-title\"><a href=\"https:\/\/www.dmsjuridica.com\/buscador_20179478954\/corteconstitucionalcronologico202454587\/t-1303-05\/\" class=\"_self\" target=\"_self\" >T-1303-05<\/a><\/h4>\n<div class=\"pt-cv-content\">\u00a0 \u00a0 Sentencia T-1303\/05 \u00a0 DEBIDO PROCESO-Se extiende a toda clase de actuaciones administrativas \u00a0 PRINCIPIO DE LEGALIDAD-Integrador del debido proceso\/PRINCIPIO DE LEGALIDAD-Dimensi\u00f3n material y formal \u00a0 AUTORIDAD PENITENCIARIA-Competencias y procedimientos para ejercer su potestad disciplinaria \u00a0 PRIVACION DE LA LIBERTAD-Implica limitaci\u00f3n de algunos derechos\/DERECHOS DEL INTERNO-L\u00edmites razonables proporcionales \u00a0 TRABAJO CARCELARIO-Dimensiones fundamentales\/TRABAJO CARCELARIO-Finalidades para la resocializaci\u00f3n del recluso\/TRABAJO CARCELARIO-Vinculaci\u00f3n con la libertad personal \u00a0 AUTORIDAD PENITENCIARIA-Deberes de acci\u00f3n y de omisi\u00f3n.\u00a0 \u00a0 En virtud del papel relevante que cumple el trabajo penitenciario en orden al logro de los fines de la pena, en particular la resocializaci\u00f3n, y la materializaci\u00f3n ...<br \/><div class=\"pt-cv-rmwrap\"><a href=\"https:\/\/www.dmsjuridica.com\/buscador_20179478954\/corteconstitucionalcronologico202454587\/t-1303-05\/\" class=\"_self pt-cv-readmore btn btn-success\" target=\"_self\">Ver Sentencia Completa...<\/a><\/div><\/div><\/div><\/div>\n<div class=\"col-md-12 col-sm-12 col-xs-12 pt-cv-content-item pt-cv-1-col\" ><div class='pt-cv-ifield'><a href=\"https:\/\/www.dmsjuridica.com\/buscador_20179478954\/corteconstitucionalcronologico202454587\/t-1302-05\/\" class=\"_self pt-cv-href-thumbnail pt-cv-thumb-default\" target=\"_self\" ><\/a>\n<div class=\"pt-cv-taxoterm above_title\"><a href='https:\/\/www.dmsjuridica.com\/buscador_20179478954\/corteconstitucionalcronologico202454587\/category\/buscar-en-toda-la-corte\/2005\/tutelas-2005\/' title='Tutelas 2005' class='pt-cv-tax-tutelas-2005'>Tutelas 2005<\/a><\/div>\n<h4 class=\"pt-cv-title\"><a href=\"https:\/\/www.dmsjuridica.com\/buscador_20179478954\/corteconstitucionalcronologico202454587\/t-1302-05\/\" class=\"_self\" target=\"_self\" >T-1302-05<\/a><\/h4>\n<div class=\"pt-cv-content\">\u00a0 \u00a0 Sentencia T-1302\/05 \u00a0 ACCION DE TUTELA CONTRA PARTICULARES-Procedencia excepcional \u00a0 ACCION DE TUTELA CONTRA PARTICULARES-Empresa transportadora que niega paz y salvo de veh\u00edculo para que se pueda afiliar a otra empresa \u00a0 USO ILEGITIMO DE LA LIBERTAD CONTRACTUAL-Empresa transportadora pretende obligar al accionante a cancelar una suma de dinero que no ha sido reconocida judicial ni extrajudicialmente \u00a0 Al revisar la argumentaci\u00f3n de la empresa para negarse a liberar al veh\u00edculo del accionante y que \u00e9ste pueda afiliarse a otra empresa, se advierte la existencia de un choque con otro automotor, respecto del cual no existe una declaraci\u00f3n ...<br \/><div class=\"pt-cv-rmwrap\"><a href=\"https:\/\/www.dmsjuridica.com\/buscador_20179478954\/corteconstitucionalcronologico202454587\/t-1302-05\/\" class=\"_self pt-cv-readmore btn btn-success\" target=\"_self\">Ver Sentencia Completa...<\/a><\/div><\/div><\/div><\/div>\n<div class=\"col-md-12 col-sm-12 col-xs-12 pt-cv-content-item pt-cv-1-col\" ><div class='pt-cv-ifield'><a href=\"https:\/\/www.dmsjuridica.com\/buscador_20179478954\/corteconstitucionalcronologico202454587\/t-1301-05\/\" class=\"_self pt-cv-href-thumbnail pt-cv-thumb-default\" target=\"_self\" ><\/a>\n<div class=\"pt-cv-taxoterm above_title\"><a href='https:\/\/www.dmsjuridica.com\/buscador_20179478954\/corteconstitucionalcronologico202454587\/category\/buscar-en-toda-la-corte\/2005\/tutelas-2005\/' title='Tutelas 2005' class='pt-cv-tax-tutelas-2005'>Tutelas 2005<\/a><\/div>\n<h4 class=\"pt-cv-title\"><a href=\"https:\/\/www.dmsjuridica.com\/buscador_20179478954\/corteconstitucionalcronologico202454587\/t-1301-05\/\" class=\"_self\" target=\"_self\" >T-1301-05<\/a><\/h4>\n<div class=\"pt-cv-content\">\u00a0 \u00a0 NOTA DE LA RELATORIA: LA SENTENCIA T-1301\/05 FUE CORREGIDA MEDIANTE AUTO 019\/06 \u00a0 Sentencia T-1301\/05 \u00a0 DERECHOS DEL NI\u00d1O-Fundamental y prevalente \u00a0 DERECHO A LA VIDA-No es solo la existencia biol\u00f3gica sino que abarca tambi\u00e9n la vida digna \u00a0 DERECHO A LA SALUD DEL NI\u00d1O-Una vez iniciada la atenci\u00f3n m\u00e9dica tiene derecho a la continuidad del servicio\/PRINCIPIO DE CONTINUIDAD EN EL SERVICIO DE SALUD \u00a0 MENOR DISCAPACITADO-Continuidad del servicio m\u00e9dico por la red p\u00fablica de salud y hasta que se defina su afiliaci\u00f3n al r\u00e9gimen subsidiado a ni\u00f1o con s\u00edndrome de Dawn \u00a0 Dada la cr\u00edtica situaci\u00f3n del ...<br \/><div class=\"pt-cv-rmwrap\"><a href=\"https:\/\/www.dmsjuridica.com\/buscador_20179478954\/corteconstitucionalcronologico202454587\/t-1301-05\/\" class=\"_self pt-cv-readmore btn btn-success\" target=\"_self\">Ver Sentencia Completa...<\/a><\/div><\/div><\/div><\/div>\n<div class=\"col-md-12 col-sm-12 col-xs-12 pt-cv-content-item pt-cv-1-col\" ><div class='pt-cv-ifield'><a href=\"https:\/\/www.dmsjuridica.com\/buscador_20179478954\/corteconstitucionalcronologico202454587\/t-130-05\/\" class=\"_self pt-cv-href-thumbnail pt-cv-thumb-default\" target=\"_self\" ><\/a>\n<div class=\"pt-cv-taxoterm above_title\"><a href='https:\/\/www.dmsjuridica.com\/buscador_20179478954\/corteconstitucionalcronologico202454587\/category\/buscar-en-toda-la-corte\/2005\/tutelas-2005\/' title='Tutelas 2005' class='pt-cv-tax-tutelas-2005'>Tutelas 2005<\/a><\/div>\n<h4 class=\"pt-cv-title\"><a href=\"https:\/\/www.dmsjuridica.com\/buscador_20179478954\/corteconstitucionalcronologico202454587\/t-130-05\/\" class=\"_self\" target=\"_self\" >T-130-05<\/a><\/h4>\n<div class=\"pt-cv-content\">\u00a0 \u00a0 Sentencia T-130\/05 \u00a0 ACCION DE TUTELA-Procedencia excepcional pago de acreencias laborales \u00a0 CESANTIAS PARCIALES-Sujeci\u00f3n a apropiaci\u00f3n presupuestal\/CESANTIAS PARCIALES-Reconocimiento no puede depender de la disponibilidad presupuestal \u00a0 La entidad p\u00fablica tiene la obligaci\u00f3n de reconocer el derecho reclamado por un servidor cuando este acredita el cumplimiento de todos los requisitos que exclusivamente le corresponde asumir. Las dificultades financieras o la existencia o no de recursos econ\u00f3micos que aseguren el pago efectivo del derecho reclamado no pueden constituirse en un prerrequisito adicional ni en obst\u00e1culo para obtener tal \u00a0reconocimiento. En casos similares en los que la administraci\u00f3n se ha negado ...<br \/><div class=\"pt-cv-rmwrap\"><a href=\"https:\/\/www.dmsjuridica.com\/buscador_20179478954\/corteconstitucionalcronologico202454587\/t-130-05\/\" class=\"_self pt-cv-readmore btn btn-success\" target=\"_self\">Ver Sentencia Completa...<\/a><\/div><\/div><\/div><\/div>\n<div class=\"col-md-12 col-sm-12 col-xs-12 pt-cv-content-item pt-cv-1-col\" ><div class='pt-cv-ifield'><a href=\"https:\/\/www.dmsjuridica.com\/buscador_20179478954\/corteconstitucionalcronologico202454587\/t-1298-05\/\" class=\"_self pt-cv-href-thumbnail pt-cv-thumb-default\" target=\"_self\" ><\/a>\n<div class=\"pt-cv-taxoterm above_title\"><a href='https:\/\/www.dmsjuridica.com\/buscador_20179478954\/corteconstitucionalcronologico202454587\/category\/buscar-en-toda-la-corte\/2005\/tutelas-2005\/' title='Tutelas 2005' class='pt-cv-tax-tutelas-2005'>Tutelas 2005<\/a><\/div>\n<h4 class=\"pt-cv-title\"><a href=\"https:\/\/www.dmsjuridica.com\/buscador_20179478954\/corteconstitucionalcronologico202454587\/t-1298-05\/\" class=\"_self\" target=\"_self\" >T-1298-05<\/a><\/h4>\n<div class=\"pt-cv-content\">\u00a0 \u00a0 Sentencia T-1298\/05 \u00a0 LICENCIA DE MATERNIDAD-Objeto\/LICENCIA DE MATERNIDAD-Hace parte del m\u00ednimo vital \u00a0 LICENCIA DE MATERNIDAD-Reglas para que proceda el pago por tutela \u00a0 LICENCIA DE MATERNIDAD-Periodos m\u00ednimos de cotizaci\u00f3n para reconocimiento y pago \u00a0 LICENCIA DE MATERNIDAD-Aplicaci\u00f3n de normas constitucionales cuando existe duda acerca de si la cotizaci\u00f3n se extendi\u00f3 o no a todo el periodo de gestaci\u00f3n \u00a0 La aplicaci\u00f3n estricta del requisito de haber cotizado durante todo el per\u00edodo de gestaci\u00f3n, provoca que el derecho a la prestaci\u00f3n econ\u00f3mica relativa a la licencia por maternidad sea inocuo, raz\u00f3n por la cual en el evento en ...<br \/><div class=\"pt-cv-rmwrap\"><a href=\"https:\/\/www.dmsjuridica.com\/buscador_20179478954\/corteconstitucionalcronologico202454587\/t-1298-05\/\" class=\"_self pt-cv-readmore btn btn-success\" target=\"_self\">Ver Sentencia Completa...<\/a><\/div><\/div><\/div><\/div>\n<div class=\"col-md-12 col-sm-12 col-xs-12 pt-cv-content-item pt-cv-1-col\" ><div class='pt-cv-ifield'><a href=\"https:\/\/www.dmsjuridica.com\/buscador_20179478954\/corteconstitucionalcronologico202454587\/t-1297-05\/\" class=\"_self pt-cv-href-thumbnail pt-cv-thumb-default\" target=\"_self\" ><\/a>\n<div class=\"pt-cv-taxoterm above_title\"><a href='https:\/\/www.dmsjuridica.com\/buscador_20179478954\/corteconstitucionalcronologico202454587\/category\/buscar-en-toda-la-corte\/2005\/tutelas-2005\/' title='Tutelas 2005' class='pt-cv-tax-tutelas-2005'>Tutelas 2005<\/a><\/div>\n<h4 class=\"pt-cv-title\"><a href=\"https:\/\/www.dmsjuridica.com\/buscador_20179478954\/corteconstitucionalcronologico202454587\/t-1297-05\/\" class=\"_self\" target=\"_self\" >T-1297-05<\/a><\/h4>\n<div class=\"pt-cv-content\">\u00a0 \u00a0 Sentencia T-1297\/05 \u00a0 LICENCIA DE MATERNIDAD-Objeto\/LICENCIA DE MATERNIDAD-Hace parte del m\u00ednimo vital \u00a0 LICENCIA DE MATERNIDAD-Reglas para que proceda el pago por tutela\/LICENCIA DE MATERNIDAD-Pago por allanamiento a la mora por EPS\/ LICENCIA DE MATERNIDAD-T\u00e9rmino hasta de un a\u00f1o despu\u00e9s del nacimiento del ni\u00f1o para reclamar por tutela \u00a0 Referencia: expediente T-1177421 \u00a0 Magistrada Ponente: \u00a0 Dra. CLARA IN\u00c9S VARGAS HERN\u00c1NDEZ \u00a0 Bogot\u00e1, D. C., siete (7) de \u00a0diciembre de dos mil cinco (2005). \u00a0 La Sala Novena de Revisi\u00f3n de la Corte Constitucional, integrada por los Magistrados Clara In\u00e9s Vargas Hern\u00e1ndez, Jaime Ara\u00fajo Renter\u00eda y Alfredo Beltr\u00e1n ...<br \/><div class=\"pt-cv-rmwrap\"><a href=\"https:\/\/www.dmsjuridica.com\/buscador_20179478954\/corteconstitucionalcronologico202454587\/t-1297-05\/\" class=\"_self pt-cv-readmore btn btn-success\" target=\"_self\">Ver Sentencia Completa...<\/a><\/div><\/div><\/div><\/div>\n<div class=\"col-md-12 col-sm-12 col-xs-12 pt-cv-content-item pt-cv-1-col\" ><div class='pt-cv-ifield'><a href=\"https:\/\/www.dmsjuridica.com\/buscador_20179478954\/corteconstitucionalcronologico202454587\/t-1296-05\/\" class=\"_self pt-cv-href-thumbnail pt-cv-thumb-default\" target=\"_self\" ><\/a>\n<div class=\"pt-cv-taxoterm above_title\"><a href='https:\/\/www.dmsjuridica.com\/buscador_20179478954\/corteconstitucionalcronologico202454587\/category\/buscar-en-toda-la-corte\/2005\/tutelas-2005\/' title='Tutelas 2005' class='pt-cv-tax-tutelas-2005'>Tutelas 2005<\/a><\/div>\n<h4 class=\"pt-cv-title\"><a href=\"https:\/\/www.dmsjuridica.com\/buscador_20179478954\/corteconstitucionalcronologico202454587\/t-1296-05\/\" class=\"_self\" target=\"_self\" >T-1296-05<\/a><\/h4>\n<div class=\"pt-cv-content\">\u00a0 \u00a0 Sentencia T-1296\/05 \u00a0 DERECHOS DEL NI\u00d1O-Prevalencia\/DERECHO A LA SALUD Y A LA SEGURIDAD SOCIAL DEL NI\u00d1O-Naturaleza fundamental y aut\u00f3noma \u00a0 ENTIDAD PRESTADORA DE SERVICIOS DE SALUD-Casos en que deben suministrar los medios para desplazamiento o transporte a otra ciudad cuando la atenci\u00f3n m\u00e9dica no se puede prestar en el lugar de residencia\u00a0 \u00a0 La identificaci\u00f3n de los eventos en los cuales es viable autorizar el servicio de transporte o suministrar ayuda econ\u00f3mica depende del an\u00e1lisis f\u00e1ctico en cada caso concreto, donde el juez debe evaluar la pertinencia, necesidad y urgencia de la medida as\u00ed como las condiciones econ\u00f3micas ...<br \/><div class=\"pt-cv-rmwrap\"><a href=\"https:\/\/www.dmsjuridica.com\/buscador_20179478954\/corteconstitucionalcronologico202454587\/t-1296-05\/\" class=\"_self pt-cv-readmore btn btn-success\" target=\"_self\">Ver Sentencia Completa...<\/a><\/div><\/div><\/div><\/div>\n<div class=\"col-md-12 col-sm-12 col-xs-12 pt-cv-content-item pt-cv-1-col\" ><div class='pt-cv-ifield'><a href=\"https:\/\/www.dmsjuridica.com\/buscador_20179478954\/corteconstitucionalcronologico202454587\/t-1295-05\/\" class=\"_self pt-cv-href-thumbnail pt-cv-thumb-default\" target=\"_self\" ><\/a>\n<div class=\"pt-cv-taxoterm above_title\"><a href='https:\/\/www.dmsjuridica.com\/buscador_20179478954\/corteconstitucionalcronologico202454587\/category\/buscar-en-toda-la-corte\/2005\/tutelas-2005\/' title='Tutelas 2005' class='pt-cv-tax-tutelas-2005'>Tutelas 2005<\/a><\/div>\n<h4 class=\"pt-cv-title\"><a href=\"https:\/\/www.dmsjuridica.com\/buscador_20179478954\/corteconstitucionalcronologico202454587\/t-1295-05\/\" class=\"_self\" target=\"_self\" >T-1295-05<\/a><\/h4>\n<div class=\"pt-cv-content\">\u00a0 \u00a0 Sentencia T-1295\/05 \u00a0 ACCION DE TUTELA CONTRA PROVIDENCIAS JUDICIALES-Procedencia excepcional\/VIA DE HECHO-Evoluci\u00f3n en los defectos en la actuaci\u00f3n \u00a0 RECURSO DE APELACION CONTRA SENTENCIA CONDENATORIA-Sustentaci\u00f3n extempor\u00e1nea \u00a0 NOTIFICACION EN PROCESO PENAL-Regulaci\u00f3n por el C\u00f3digo de Procedimiento Penal \u00a0 NOTIFICACION PERSONAL DE SENTENCIAS EN MATERIA PENAL-T\u00e9rmino de tres d\u00edas \u00a0 NOTIFICACION POR EDICTO DE SENTENCIAS EN MATERIA PENAL-Si los sujetos procesales no se han podido notificar personalmente \u00a0 La prevenci\u00f3n de que el Edicto ser\u00e1 fijado, si transcurridos \u201ctres (3) d\u00edas siguientes al de la fecha de la providencia\u201d, si todos los sujetos procesales no han comparecido a la ...<br \/><div class=\"pt-cv-rmwrap\"><a href=\"https:\/\/www.dmsjuridica.com\/buscador_20179478954\/corteconstitucionalcronologico202454587\/t-1295-05\/\" class=\"_self pt-cv-readmore btn btn-success\" target=\"_self\">Ver Sentencia Completa...<\/a><\/div><\/div><\/div><\/div>\n<div class=\"col-md-12 col-sm-12 col-xs-12 pt-cv-content-item pt-cv-1-col\" ><div class='pt-cv-ifield'><a href=\"https:\/\/www.dmsjuridica.com\/buscador_20179478954\/corteconstitucionalcronologico202454587\/t-1294-05\/\" class=\"_self pt-cv-href-thumbnail pt-cv-thumb-default\" target=\"_self\" ><\/a>\n<div class=\"pt-cv-taxoterm above_title\"><a href='https:\/\/www.dmsjuridica.com\/buscador_20179478954\/corteconstitucionalcronologico202454587\/category\/buscar-en-toda-la-corte\/2005\/tutelas-2005\/' title='Tutelas 2005' class='pt-cv-tax-tutelas-2005'>Tutelas 2005<\/a><\/div>\n<h4 class=\"pt-cv-title\"><a href=\"https:\/\/www.dmsjuridica.com\/buscador_20179478954\/corteconstitucionalcronologico202454587\/t-1294-05\/\" class=\"_self\" target=\"_self\" >T-1294-05<\/a><\/h4>\n<div class=\"pt-cv-content\">\u00a0 \u00a0 Sentencia T-1294\/05 \u00a0 AUTONOMIA DE PUEBLOS INDIGENAS-L\u00edmites al administrar justicia \u00a0 COMUNIDAD INDIGENA PAEZ-Usos y costumbres en procedimiento y sanci\u00f3n del delito de homicidio \u00a0 FUERO INDIGENA-Elementos personal y territorial determinan la competencia para que opere la jurisdicci\u00f3n ind\u00edgena \u00a0 Dos factores son importantes a la hora de establecer cu\u00e1ndo adquieren competencia las autoridades ind\u00edgenas para definir un asunto que afecta el bienestar de la comunidad: \u00a0uno es el factor personal, es decir la circunstancia de que la persona que va a ser juzgada \u00a0pertenezca a la comunidad a la comunidad ind\u00edgena respectiva, pues es precisamente \u00a0tal pertenencia ...<br \/><div class=\"pt-cv-rmwrap\"><a href=\"https:\/\/www.dmsjuridica.com\/buscador_20179478954\/corteconstitucionalcronologico202454587\/t-1294-05\/\" class=\"_self pt-cv-readmore btn btn-success\" target=\"_self\">Ver Sentencia Completa...<\/a><\/div><\/div><\/div><\/div>\n<div class=\"col-md-12 col-sm-12 col-xs-12 pt-cv-content-item pt-cv-1-col\" ><div class='pt-cv-ifield'><a href=\"https:\/\/www.dmsjuridica.com\/buscador_20179478954\/corteconstitucionalcronologico202454587\/t-1293-05\/\" class=\"_self pt-cv-href-thumbnail pt-cv-thumb-default\" target=\"_self\" ><\/a>\n<div class=\"pt-cv-taxoterm above_title\"><a href='https:\/\/www.dmsjuridica.com\/buscador_20179478954\/corteconstitucionalcronologico202454587\/category\/buscar-en-toda-la-corte\/2005\/tutelas-2005\/' title='Tutelas 2005' class='pt-cv-tax-tutelas-2005'>Tutelas 2005<\/a><\/div>\n<h4 class=\"pt-cv-title\"><a href=\"https:\/\/www.dmsjuridica.com\/buscador_20179478954\/corteconstitucionalcronologico202454587\/t-1293-05\/\" class=\"_self\" target=\"_self\" >T-1293-05<\/a><\/h4>\n<div class=\"pt-cv-content\">\u00a0 \u00a0 Sentencia T-1293\/05 \u00a0 ACCION DE TUTELA CONTRA PROVIDENCIAS JUDICIALES-V\u00eda de hecho por defecto org\u00e1nico \u00a0 CONTRATO DE PRESTACION DE SERVICIOS-Naturaleza\/CONFLICTOS SOBRE CONTRATO DE PRESTACION DE SERVICIOS-Deben ser debatidos ante la jurisdicci\u00f3n contencioso administrativa mediante la acci\u00f3n contractual \u00a0 El contrato de prestaci\u00f3n de servicios es una de las modalidades de contrato estatal o administrativo consagradas en el art\u00edculo 32 de la Ley 80 de 1993 Conforme a la norma anterior, todos aquellos conflictos originados con ocasi\u00f3n del contrato, deben ser solucionados por medio de la acci\u00f3n consagrada en el art\u00edculo 87 del C\u00f3digo Contencioso Administrativo, esto es, mediante ...<br \/><div class=\"pt-cv-rmwrap\"><a href=\"https:\/\/www.dmsjuridica.com\/buscador_20179478954\/corteconstitucionalcronologico202454587\/t-1293-05\/\" class=\"_self pt-cv-readmore btn btn-success\" target=\"_self\">Ver Sentencia Completa...<\/a><\/div><\/div><\/div><\/div>\n<div class=\"col-md-12 col-sm-12 col-xs-12 pt-cv-content-item pt-cv-1-col\" ><div class='pt-cv-ifield'><a href=\"https:\/\/www.dmsjuridica.com\/buscador_20179478954\/corteconstitucionalcronologico202454587\/t-1292-05\/\" class=\"_self pt-cv-href-thumbnail pt-cv-thumb-default\" target=\"_self\" ><\/a>\n<div class=\"pt-cv-taxoterm above_title\"><a href='https:\/\/www.dmsjuridica.com\/buscador_20179478954\/corteconstitucionalcronologico202454587\/category\/buscar-en-toda-la-corte\/2005\/tutelas-2005\/' title='Tutelas 2005' class='pt-cv-tax-tutelas-2005'>Tutelas 2005<\/a><\/div>\n<h4 class=\"pt-cv-title\"><a href=\"https:\/\/www.dmsjuridica.com\/buscador_20179478954\/corteconstitucionalcronologico202454587\/t-1292-05\/\" class=\"_self\" target=\"_self\" >T-1292-05<\/a><\/h4>\n<div class=\"pt-cv-content\">\u00a0 \u00a0 Sentencia T-1292\/05 \u00a0 ACCION DE TUTELA-Car\u00e1cter subsidiario frente a la acci\u00f3n de revisi\u00f3n penal \u00a0 ACCION DE TUTELA TRANSITORIA-Procedencia excepcional para garantizar el ejercicio de la libertad individual\/ACCION DE TUTELA TRANSITORIA-Debe comprobarse una situaci\u00f3n completamente objetiva frente a la desproporcionalidad de la sanci\u00f3n penal\u00a0 \u00a0 La Corte ha establecido que dicha acci\u00f3n representa una oportunidad para que se haga efectiva la exigencia de justicia material frente a la cosa juzgada que soporta una sentencia. \u00a0No obstante, frente a casos excepcionales en donde no exista dificultad o controversia respecto de la causal de revisi\u00f3n que se alegue, es procedente ...<br \/><div class=\"pt-cv-rmwrap\"><a href=\"https:\/\/www.dmsjuridica.com\/buscador_20179478954\/corteconstitucionalcronologico202454587\/t-1292-05\/\" class=\"_self pt-cv-readmore btn btn-success\" target=\"_self\">Ver Sentencia Completa...<\/a><\/div><\/div><\/div><\/div>\n<div class=\"col-md-12 col-sm-12 col-xs-12 pt-cv-content-item pt-cv-1-col\" ><div class='pt-cv-ifield'><a href=\"https:\/\/www.dmsjuridica.com\/buscador_20179478954\/corteconstitucionalcronologico202454587\/t-1291-05\/\" class=\"_self pt-cv-href-thumbnail pt-cv-thumb-default\" target=\"_self\" ><\/a>\n<div class=\"pt-cv-taxoterm above_title\"><a href='https:\/\/www.dmsjuridica.com\/buscador_20179478954\/corteconstitucionalcronologico202454587\/category\/buscar-en-toda-la-corte\/2005\/tutelas-2005\/' title='Tutelas 2005' class='pt-cv-tax-tutelas-2005'>Tutelas 2005<\/a><\/div>\n<h4 class=\"pt-cv-title\"><a href=\"https:\/\/www.dmsjuridica.com\/buscador_20179478954\/corteconstitucionalcronologico202454587\/t-1291-05\/\" class=\"_self\" target=\"_self\" >T-1291-05<\/a><\/h4>\n<div class=\"pt-cv-content\">\u00a0 \u00a0 Sentencia T-1291\/05 \u00a0 SISTEMA DE SEGURIDAD SOCIAL-Fundamentos constitucionales \u00a0 El Sistema de Seguridad Social se desenvuelve bajo dos condiciones que, en ciertas circunstancias, pueden traducirse antit\u00e9ticas: por un lado es instrumento b\u00e1sico para el cumplimiento de los principios fundamentales de la Carta y el afianzamiento general de los algunos derechos fundamentales, y por el otro, debe responder a la escasez de recursos y a la definici\u00f3n que, conforme a la disponibilidad de ellos, establezca el legislador. El car\u00e1cter prestacional de la seguridad social soporta entonces, una tensi\u00f3n aguda que se hace m\u00e1s evidente en los pa\u00edses pobres y ...<br \/><div class=\"pt-cv-rmwrap\"><a href=\"https:\/\/www.dmsjuridica.com\/buscador_20179478954\/corteconstitucionalcronologico202454587\/t-1291-05\/\" class=\"_self pt-cv-readmore btn btn-success\" target=\"_self\">Ver Sentencia Completa...<\/a><\/div><\/div><\/div><\/div>\n<div class=\"col-md-12 col-sm-12 col-xs-12 pt-cv-content-item pt-cv-1-col\" ><div class='pt-cv-ifield'><a href=\"https:\/\/www.dmsjuridica.com\/buscador_20179478954\/corteconstitucionalcronologico202454587\/t-1290-05\/\" class=\"_self pt-cv-href-thumbnail pt-cv-thumb-default\" target=\"_self\" ><\/a>\n<div class=\"pt-cv-taxoterm above_title\"><a href='https:\/\/www.dmsjuridica.com\/buscador_20179478954\/corteconstitucionalcronologico202454587\/category\/buscar-en-toda-la-corte\/2005\/tutelas-2005\/' title='Tutelas 2005' class='pt-cv-tax-tutelas-2005'>Tutelas 2005<\/a><\/div>\n<h4 class=\"pt-cv-title\"><a href=\"https:\/\/www.dmsjuridica.com\/buscador_20179478954\/corteconstitucionalcronologico202454587\/t-1290-05\/\" class=\"_self\" target=\"_self\" >T-1290-05<\/a><\/h4>\n<div class=\"pt-cv-content\">\u00a0 \u00a0 Sentencia T-1290\/05 \u00a0 DERECHO A LA SALUD DEL MENOR-Protecci\u00f3n constitucional especial \u00a0 PRESUNCION DE VERACIDAD DE INCAPACIDAD ECONOMICA-Beneficiarios del Sisb\u00e9n\u00a0 \u00a0 \u00a0 Referencia: expediente T-1203250 \u00a0 Peticionaria: Sandra Yaneth Toro Guti\u00e9rrez\u00a0 \u00a0 Accionados: EPS Salud C\u00f3ndor \u00a0S.A. y la Direcci\u00f3n Seccional de Salud Antioquia. \u00a0 Magistrado Ponente:\u00a0 \u00a0Dr. MARCO GERARDO MONROY CABRA \u00a0 Bogot\u00e1 D. C., siete (7) de diciembre de dos mil cinco (2005) \u00a0 SENTENCIA \u00a0 en el proceso de revisi\u00f3n de la tutela T-1\u2019203.250, instaurada por la se\u00f1ora Sandra Yaneth Toro Guti\u00e9rrez, en representaci\u00f3n su hija Yuli Andrea Toro, menor de edad, contra la EPS ...<br \/><div class=\"pt-cv-rmwrap\"><a href=\"https:\/\/www.dmsjuridica.com\/buscador_20179478954\/corteconstitucionalcronologico202454587\/t-1290-05\/\" class=\"_self pt-cv-readmore btn btn-success\" target=\"_self\">Ver Sentencia Completa...<\/a><\/div><\/div><\/div><\/div>\n<div class=\"col-md-12 col-sm-12 col-xs-12 pt-cv-content-item pt-cv-1-col\" ><div class='pt-cv-ifield'><a href=\"https:\/\/www.dmsjuridica.com\/buscador_20179478954\/corteconstitucionalcronologico202454587\/t-129-05\/\" class=\"_self pt-cv-href-thumbnail pt-cv-thumb-default\" target=\"_self\" ><\/a>\n<div class=\"pt-cv-taxoterm above_title\"><a href='https:\/\/www.dmsjuridica.com\/buscador_20179478954\/corteconstitucionalcronologico202454587\/category\/buscar-en-toda-la-corte\/2005\/tutelas-2005\/' title='Tutelas 2005' class='pt-cv-tax-tutelas-2005'>Tutelas 2005<\/a><\/div>\n<h4 class=\"pt-cv-title\"><a href=\"https:\/\/www.dmsjuridica.com\/buscador_20179478954\/corteconstitucionalcronologico202454587\/t-129-05\/\" class=\"_self\" target=\"_self\" >T-129-05<\/a><\/h4>\n<div class=\"pt-cv-content\">\u00a0 \u00a0 Sentencia T-129\/05 \u00a0 ACTO PROPIO-Respeto por entidad financiera \u00a0 ENTIDAD BANCARIA-Posici\u00f3n dominante \u00a0 ENTIDAD BANCARIA-Abuso de posici\u00f3n dominante\/DERECHOS FUNDAMENTALES DEL USUARIO BANCARIO-Vulneraci\u00f3n por abuso de posici\u00f3n dominante de entidad financiera \u00a0 ENTIDAD BANCARIA-Es un servicio p\u00fablico \u00a0 REVOCATORIA DIRECTA DE ACTO ADMINISTRATIVO PARTICULAR Y CONCRETO-Protecci\u00f3n de derechos adquiridos frente a particulares \u00a0 ACTO PROPIO-Condiciones para su aplicaci\u00f3n \u00a0 DERECHO A LA INFORMACION Y DEBIDO PROCESO-Vulneraci\u00f3n por suministrar informaci\u00f3n errada sobre cr\u00e9dito hipotecario \u00a0 HABEAS DATA-N\u00facleo esencial\/DERECHO A LA AUTODETERMINACION INFORMATIVA-Alcance \u00a0 Reiteraci\u00f3n de jurisprudencia \u00a0 \u00a0 Referencia: expediente T-994848 \u00a0 Acci\u00f3n de tutela instaurada por Erwin Jacobo Ghitis ...<br \/><div class=\"pt-cv-rmwrap\"><a href=\"https:\/\/www.dmsjuridica.com\/buscador_20179478954\/corteconstitucionalcronologico202454587\/t-129-05\/\" class=\"_self pt-cv-readmore btn btn-success\" target=\"_self\">Ver Sentencia Completa...<\/a><\/div><\/div><\/div><\/div>\n<div class=\"col-md-12 col-sm-12 col-xs-12 pt-cv-content-item pt-cv-1-col\" ><div class='pt-cv-ifield'><a href=\"https:\/\/www.dmsjuridica.com\/buscador_20179478954\/corteconstitucionalcronologico202454587\/t-1289-05\/\" class=\"_self pt-cv-href-thumbnail pt-cv-thumb-default\" target=\"_self\" ><\/a>\n<div class=\"pt-cv-taxoterm above_title\"><a href='https:\/\/www.dmsjuridica.com\/buscador_20179478954\/corteconstitucionalcronologico202454587\/category\/buscar-en-toda-la-corte\/2005\/tutelas-2005\/' title='Tutelas 2005' class='pt-cv-tax-tutelas-2005'>Tutelas 2005<\/a><\/div>\n<h4 class=\"pt-cv-title\"><a href=\"https:\/\/www.dmsjuridica.com\/buscador_20179478954\/corteconstitucionalcronologico202454587\/t-1289-05\/\" class=\"_self\" target=\"_self\" >T-1289-05<\/a><\/h4>\n<div class=\"pt-cv-content\">\u00a0 \u00a0 Sentencia T-1289\/05 \u00a0 COMITE TECNICO CIENTIFICO DE ENTIDAD PROMOTORA DE SALUD-Su concepto no es requisito indispensable para la entrega de medicamentos excluidos del POS \u00a0 ACCION DE TUTELA-Improcedencia general para suministro de vacunas antial\u00e9rgicas \u00a0 DERECHO A LA SALUD DEL MENOR-No se re\u00fanen los requisitos para que proceda la tutela \u00a0 Referencia: expediente T-1153896 \u00a0 Peticionario: Gerardo Zamora\u00a0 \u00a0 Accionado: Servicio Occidental de Salud (S.O.S) E.P.S. \u00a0 Magistrado Ponente:\u00a0 \u00a0 Dr. MARCO GERARDO MONROY CABRA \u00a0 Bogot\u00e1 D. C., \u00a0siete \u00a0(7) \u00a0de diciembre de dos mil cinco (2005) \u00a0 La Sala Sexta de la Corte Constitucional, integrada por ...<br \/><div class=\"pt-cv-rmwrap\"><a href=\"https:\/\/www.dmsjuridica.com\/buscador_20179478954\/corteconstitucionalcronologico202454587\/t-1289-05\/\" class=\"_self pt-cv-readmore btn btn-success\" target=\"_self\">Ver Sentencia Completa...<\/a><\/div><\/div><\/div><\/div>\n<div class=\"col-md-12 col-sm-12 col-xs-12 pt-cv-content-item pt-cv-1-col\" ><div class='pt-cv-ifield'><a href=\"https:\/\/www.dmsjuridica.com\/buscador_20179478954\/corteconstitucionalcronologico202454587\/t-1288-05\/\" class=\"_self pt-cv-href-thumbnail pt-cv-thumb-default\" target=\"_self\" ><\/a>\n<div class=\"pt-cv-taxoterm above_title\"><a href='https:\/\/www.dmsjuridica.com\/buscador_20179478954\/corteconstitucionalcronologico202454587\/category\/buscar-en-toda-la-corte\/2005\/tutelas-2005\/' title='Tutelas 2005' class='pt-cv-tax-tutelas-2005'>Tutelas 2005<\/a><\/div>\n<h4 class=\"pt-cv-title\"><a href=\"https:\/\/www.dmsjuridica.com\/buscador_20179478954\/corteconstitucionalcronologico202454587\/t-1288-05\/\" class=\"_self\" target=\"_self\" >T-1288-05<\/a><\/h4>\n<div class=\"pt-cv-content\">\u00a0 \u00a0 Sentencia T-1288\/05 \u00a0 DERECHO A LA EDUCACION-Retenci\u00f3n certificados por no pago de pensi\u00f3n\/DERECHO A LA EDUCACION-Requisitos para entrega de certificados de estudios por no pago de pensi\u00f3n\/ACCION DE TUTELA-Procedencia para reclamar entrega de certificados acad\u00e9micos \u00a0 Referencia: expediente T-1200148 \u00a0 Peticionarias: Sonia Alexandra Arango Forero y Lorena Mar\u00eda Arango Forero \u00a0 Accionado: Colegio Liceo R\u00f3mulo Gallego \u00a0 Magistrado Ponente: \u00a0 Dr. MARCO GERARDO MONROY CABRA \u00a0 La Sala Sexta de Revisi\u00f3n de la Corte Constitucional, integrada por los Magistrados Humberto Antonio Sierra Porto, \u00c1lvaro Tafur Galvis y Marco Gerardo Monroy Cabra, quien la preside, en ejercicio de sus ...<br \/><div class=\"pt-cv-rmwrap\"><a href=\"https:\/\/www.dmsjuridica.com\/buscador_20179478954\/corteconstitucionalcronologico202454587\/t-1288-05\/\" class=\"_self pt-cv-readmore btn btn-success\" target=\"_self\">Ver Sentencia Completa...<\/a><\/div><\/div><\/div><\/div>\n<div class=\"col-md-12 col-sm-12 col-xs-12 pt-cv-content-item pt-cv-1-col\" ><div class='pt-cv-ifield'><a href=\"https:\/\/www.dmsjuridica.com\/buscador_20179478954\/corteconstitucionalcronologico202454587\/t-1287-05\/\" class=\"_self pt-cv-href-thumbnail pt-cv-thumb-default\" target=\"_self\" ><\/a>\n<div class=\"pt-cv-taxoterm above_title\"><a href='https:\/\/www.dmsjuridica.com\/buscador_20179478954\/corteconstitucionalcronologico202454587\/category\/buscar-en-toda-la-corte\/2005\/tutelas-2005\/' title='Tutelas 2005' class='pt-cv-tax-tutelas-2005'>Tutelas 2005<\/a><\/div>\n<h4 class=\"pt-cv-title\"><a href=\"https:\/\/www.dmsjuridica.com\/buscador_20179478954\/corteconstitucionalcronologico202454587\/t-1287-05\/\" class=\"_self\" target=\"_self\" >T-1287-05<\/a><\/h4>\n<div class=\"pt-cv-content\">\u00a0 \u00a0 Sentencia T-1287\/05 \u00a0 LICENCIA DE MATERNIDAD-T\u00e9rmino hasta de un a\u00f1o despu\u00e9s del nacimiento del ni\u00f1o para reclamar por tutela \u00a0 ACCION DE TUTELA-Reglas de procedencia para el pago de licencia de maternidad \u00a0 LICENCIA DE MATERNIDAD-Aportes deben hacerse en calidad de cotizante \u00a0 De las anteriores normas hay que resaltar, que siempre exigen que los aportes se hagan en calidad de cotizante al Sistema y no en calidad de beneficiaria del mismo, requisito fundamental a la hora de analizar la continuidad en las cotizaciones y en el cual profundizar\u00e1 la Sala para el caso en concreto. Respecto de ...<br \/><div class=\"pt-cv-rmwrap\"><a href=\"https:\/\/www.dmsjuridica.com\/buscador_20179478954\/corteconstitucionalcronologico202454587\/t-1287-05\/\" class=\"_self pt-cv-readmore btn btn-success\" target=\"_self\">Ver Sentencia Completa...<\/a><\/div><\/div><\/div><\/div>\n<div class=\"col-md-12 col-sm-12 col-xs-12 pt-cv-content-item pt-cv-1-col\" ><div class='pt-cv-ifield'><a href=\"https:\/\/www.dmsjuridica.com\/buscador_20179478954\/corteconstitucionalcronologico202454587\/t-1286-05\/\" class=\"_self pt-cv-href-thumbnail pt-cv-thumb-default\" target=\"_self\" ><\/a>\n<div class=\"pt-cv-taxoterm above_title\"><a href='https:\/\/www.dmsjuridica.com\/buscador_20179478954\/corteconstitucionalcronologico202454587\/category\/buscar-en-toda-la-corte\/2005\/tutelas-2005\/' title='Tutelas 2005' class='pt-cv-tax-tutelas-2005'>Tutelas 2005<\/a><\/div>\n<h4 class=\"pt-cv-title\"><a href=\"https:\/\/www.dmsjuridica.com\/buscador_20179478954\/corteconstitucionalcronologico202454587\/t-1286-05\/\" class=\"_self\" target=\"_self\" >T-1286-05<\/a><\/h4>\n<div class=\"pt-cv-content\">\u00a0 \u00a0 Sentencia T-1286\/05 \u00a0 JURISPRUDENCIA CONSTITUCIONAL SOBRE INTERPRETACION DE ALIVIOS DE LA LEY 546 DE 1999 \u00a0 JURISPRUDENCIA CONSTITUCIONAL SOBRE TERMINACION DE PROCESOS EJECUTIVOS HIPOTECARIOS DISPUESTA POR LA LEY 546 DE 1999\/PROCESO EJECUTIVO HIPOTECARIO-Terminaci\u00f3n y archivo de procesos en curso a 31 de diciembre de 1999 \u00a0 VIA DE HECHO EN PROCESO EJECUTIVO-Defecto por error en la interpretaci\u00f3n de la Ley 546\/99 \u00a0 Referencia: expedientes acumulados T-1171188, T-1175288 y T-1178089 \u00a0 Peticionarios: Holger Gerardo Tarazona Rodr\u00edguez, Marina Rico de Pinto y Olivo Contreras Antolinez \u00a0 Magistrado Ponente: \u00a0 Dr. MARCO GERARDO MONROY CABRA \u00a0 Bogot\u00e1 D. C., siete (7) ...<br \/><div class=\"pt-cv-rmwrap\"><a href=\"https:\/\/www.dmsjuridica.com\/buscador_20179478954\/corteconstitucionalcronologico202454587\/t-1286-05\/\" class=\"_self pt-cv-readmore btn btn-success\" target=\"_self\">Ver Sentencia Completa...<\/a><\/div><\/div><\/div><\/div>\n<div class=\"col-md-12 col-sm-12 col-xs-12 pt-cv-content-item pt-cv-1-col\" ><div class='pt-cv-ifield'><a href=\"https:\/\/www.dmsjuridica.com\/buscador_20179478954\/corteconstitucionalcronologico202454587\/t-1285-05\/\" class=\"_self pt-cv-href-thumbnail pt-cv-thumb-default\" target=\"_self\" ><\/a>\n<div class=\"pt-cv-taxoterm above_title\"><a href='https:\/\/www.dmsjuridica.com\/buscador_20179478954\/corteconstitucionalcronologico202454587\/category\/buscar-en-toda-la-corte\/2005\/tutelas-2005\/' title='Tutelas 2005' class='pt-cv-tax-tutelas-2005'>Tutelas 2005<\/a><\/div>\n<h4 class=\"pt-cv-title\"><a href=\"https:\/\/www.dmsjuridica.com\/buscador_20179478954\/corteconstitucionalcronologico202454587\/t-1285-05\/\" class=\"_self\" target=\"_self\" >T-1285-05<\/a><\/h4>\n<div class=\"pt-cv-content\">\u00a0 \u00a0 Sentencia T-1285\/05 \u00a0 ACCION DE TUTELA CONTRA PROVIDENCIAS JUDICIALES-Evoluci\u00f3n jurisprudencial \u00a0 ACCION DE TUTELA CONTRA SENTENCIA EN PROCESO DE PERDIDA DE INVESTIDURA-Procedencia excepcional \u00a0 DEBIDO PROCESO SANCIONATORIO-Alcance \u00a0 DERECHO SANCIONADOR-Cubre diferentes \u00e1mbitos \u00a0 El universo del derecho sancionador no se limita al derecho disciplinario y al derecho penal a los que generalmente se hace referencia, sino que m\u00e1s bien, como lo ha se\u00f1alado la jurisprudencia, este derecho comprende un sistema complejo de situaciones que recubre diferentes \u00e1mbitos con caracter\u00edsticas espec\u00edficas, pero siempre sometido a unos principios de configuraci\u00f3n claros, destinados a proteger las garant\u00edas constitucionales ligadas al debido ...<br \/><div class=\"pt-cv-rmwrap\"><a href=\"https:\/\/www.dmsjuridica.com\/buscador_20179478954\/corteconstitucionalcronologico202454587\/t-1285-05\/\" class=\"_self pt-cv-readmore btn btn-success\" target=\"_self\">Ver Sentencia Completa...<\/a><\/div><\/div><\/div><\/div>\n<div class=\"col-md-12 col-sm-12 col-xs-12 pt-cv-content-item pt-cv-1-col\" ><div class='pt-cv-ifield'><a href=\"https:\/\/www.dmsjuridica.com\/buscador_20179478954\/corteconstitucionalcronologico202454587\/t-1284-05\/\" class=\"_self pt-cv-href-thumbnail pt-cv-thumb-default\" target=\"_self\" ><\/a>\n<div class=\"pt-cv-taxoterm above_title\"><a href='https:\/\/www.dmsjuridica.com\/buscador_20179478954\/corteconstitucionalcronologico202454587\/category\/buscar-en-toda-la-corte\/2005\/tutelas-2005\/' title='Tutelas 2005' class='pt-cv-tax-tutelas-2005'>Tutelas 2005<\/a><\/div>\n<h4 class=\"pt-cv-title\"><a href=\"https:\/\/www.dmsjuridica.com\/buscador_20179478954\/corteconstitucionalcronologico202454587\/t-1284-05\/\" class=\"_self\" target=\"_self\" >T-1284-05<\/a><\/h4>\n<div class=\"pt-cv-content\">\u00a0 \u00a0 Sentencia T-1284\/05 \u00a0 ACCION DE TUTELA-Procedencia excepcional pago de acreencias laborales \u00a0 ACUERDOS DE REESTRUCTURACION DE PASIVOS-Naturaleza contractual \u00a0 ACUERDOS DE REESTRUCTURACION DE PASIVOS-Restablecimiento de derechos fundamentales de acreedores en estado de debilidad manifiesta\u00a0 \u00a0 Si bien es cierto en los Acuerdos de Reestructuraci\u00f3n de Pasivos se establece la prioridad, la calificaci\u00f3n de las deudas y la forma en que estas han de ser canceladas, corresponde al Juez constitucional velar por el restablecimiento de los derechos fundamentales de los acreedores en estado de debilidad manifiesta, mediante acciones afirmativas que hagan realidad la igualdad real prevista en el art\u00edculo ...<br \/><div class=\"pt-cv-rmwrap\"><a href=\"https:\/\/www.dmsjuridica.com\/buscador_20179478954\/corteconstitucionalcronologico202454587\/t-1284-05\/\" class=\"_self pt-cv-readmore btn btn-success\" target=\"_self\">Ver Sentencia Completa...<\/a><\/div><\/div><\/div><\/div>\n<div class=\"col-md-12 col-sm-12 col-xs-12 pt-cv-content-item pt-cv-1-col\" ><div class='pt-cv-ifield'><a href=\"https:\/\/www.dmsjuridica.com\/buscador_20179478954\/corteconstitucionalcronologico202454587\/t-1283-05\/\" class=\"_self pt-cv-href-thumbnail pt-cv-thumb-default\" target=\"_self\" ><\/a>\n<div class=\"pt-cv-taxoterm above_title\"><a href='https:\/\/www.dmsjuridica.com\/buscador_20179478954\/corteconstitucionalcronologico202454587\/category\/buscar-en-toda-la-corte\/2005\/tutelas-2005\/' title='Tutelas 2005' class='pt-cv-tax-tutelas-2005'>Tutelas 2005<\/a><\/div>\n<h4 class=\"pt-cv-title\"><a href=\"https:\/\/www.dmsjuridica.com\/buscador_20179478954\/corteconstitucionalcronologico202454587\/t-1283-05\/\" class=\"_self\" target=\"_self\" >T-1283-05<\/a><\/h4>\n<div class=\"pt-cv-content\">\u00a0 \u00a0 Sentencia T-1283\/05 \u00a0 DERECHO A LA SEGURIDAD SOCIAL-Fundamental por conexidad \u00a0 DERECHO DE PETICION EN MATERIA PENSIONAL-T\u00e9rminos para resolver \u00a0 BONOS PENSIONALES-Pronta tramitaci\u00f3n\/BONOS PENSIONALES-Demora en emisi\u00f3n afecta derechos fundamentales \u00a0 DERECHO DE PETICION-Pronunciamiento de fondo sobre el reconocimiento y pago de pensi\u00f3n de jubilaci\u00f3n \u00a0 Referencia: expediente T-1180044 \u00a0 Acci\u00f3n de tutela instaurada por Avelino Bautista Junco contra el Seguro Social.\u00a0 \u00a0 Magistrado Ponente: \u00a0 Dr. ALVARO TAFUR GALVIS \u00a0 Bogot\u00e1, D. C., siete (7) de diciembre de dos mil cinco (2005). \u00a0 La Sala Octava de Revisi\u00f3n de la Corte Constitucional, integrada por los magistrados, Clara In\u00e9s ...<br \/><div class=\"pt-cv-rmwrap\"><a href=\"https:\/\/www.dmsjuridica.com\/buscador_20179478954\/corteconstitucionalcronologico202454587\/t-1283-05\/\" class=\"_self pt-cv-readmore btn btn-success\" target=\"_self\">Ver Sentencia Completa...<\/a><\/div><\/div><\/div><\/div>\n<div class=\"col-md-12 col-sm-12 col-xs-12 pt-cv-content-item pt-cv-1-col\" ><div class='pt-cv-ifield'><a href=\"https:\/\/www.dmsjuridica.com\/buscador_20179478954\/corteconstitucionalcronologico202454587\/t-1282-05\/\" class=\"_self pt-cv-href-thumbnail pt-cv-thumb-default\" target=\"_self\" ><\/a>\n<div class=\"pt-cv-taxoterm above_title\"><a href='https:\/\/www.dmsjuridica.com\/buscador_20179478954\/corteconstitucionalcronologico202454587\/category\/buscar-en-toda-la-corte\/2005\/tutelas-2005\/' title='Tutelas 2005' class='pt-cv-tax-tutelas-2005'>Tutelas 2005<\/a><\/div>\n<h4 class=\"pt-cv-title\"><a href=\"https:\/\/www.dmsjuridica.com\/buscador_20179478954\/corteconstitucionalcronologico202454587\/t-1282-05\/\" class=\"_self\" target=\"_self\" >T-1282-05<\/a><\/h4>\n<div class=\"pt-cv-content\">\u00a0 \u00a0 Sentencia T-1282\/05 \u00a0 ACCION DE TUTELA-Subsidiariedad \u00a0 DERECHO A LA PENSION DE INVALIDEZ-Fundamental por conexidad\u00a0 \u00a0 El derecho al reconocimiento y pago de la pensi\u00f3n de invalidez es un derecho fundamental por conexidad, el cual es susceptible de protecci\u00f3n a trav\u00e9s de tutela. Pues bien, en el caso en estudio esta Sala considera que el derecho al reconocimiento de la pensi\u00f3n de invalidez que reclama la accionante es fundamental, por cuanto se encuentra en conexidad con sus derechos a la vida digna, la salud y el trabajo. En efecto, la condici\u00f3n de disminu\u00edda f\u00edsica que dificulta el acceso ...<br \/><div class=\"pt-cv-rmwrap\"><a href=\"https:\/\/www.dmsjuridica.com\/buscador_20179478954\/corteconstitucionalcronologico202454587\/t-1282-05\/\" class=\"_self pt-cv-readmore btn btn-success\" target=\"_self\">Ver Sentencia Completa...<\/a><\/div><\/div><\/div><\/div>\n<div class=\"col-md-12 col-sm-12 col-xs-12 pt-cv-content-item pt-cv-1-col\" ><div class='pt-cv-ifield'><a href=\"https:\/\/www.dmsjuridica.com\/buscador_20179478954\/corteconstitucionalcronologico202454587\/t-1281-05\/\" class=\"_self pt-cv-href-thumbnail pt-cv-thumb-default\" target=\"_self\" ><\/a>\n<div class=\"pt-cv-taxoterm above_title\"><a href='https:\/\/www.dmsjuridica.com\/buscador_20179478954\/corteconstitucionalcronologico202454587\/category\/buscar-en-toda-la-corte\/2005\/tutelas-2005\/' title='Tutelas 2005' class='pt-cv-tax-tutelas-2005'>Tutelas 2005<\/a><\/div>\n<h4 class=\"pt-cv-title\"><a href=\"https:\/\/www.dmsjuridica.com\/buscador_20179478954\/corteconstitucionalcronologico202454587\/t-1281-05\/\" class=\"_self\" target=\"_self\" >T-1281-05<\/a><\/h4>\n<div class=\"pt-cv-content\">\u00a0 \u00a0 Sentencia T-1281\/05 \u00a0 ACCION DE TUTELA-Procedencia excepcional pago de acreencias laborales \u00a0 DERECHO AL MINIMO VITAL DEL PENSIONADO-Pago de mesadas atrasadas y futuras \u00a0 Referencia: expediente T-1199823 \u00a0 Acci\u00f3n de tutela de Regina Berrocal de V\u00e9lez, contra la Gobernaci\u00f3n de C\u00f3rdoba.\u00a0 \u00a0 Procedencia: Juzgado Segundo Civil del Circuito de Monter\u00eda. \u00a0 Magistrado Ponente: \u00a0 Dr. ALFREDO BELTR\u00c1N SIERRA. \u00a0 Bogot\u00e1, D.C. siete (7) de diciembre de dos mil cinco (2005). \u00a0 SENTENCIA\u00a0 \u00a0 en el proceso de revisi\u00f3n del fallo proferido por el Juzgado Segundo Civil del Circuito de Monter\u00eda, dentro de la acci\u00f3n de tutela instaurada por ...<br \/><div class=\"pt-cv-rmwrap\"><a href=\"https:\/\/www.dmsjuridica.com\/buscador_20179478954\/corteconstitucionalcronologico202454587\/t-1281-05\/\" class=\"_self pt-cv-readmore btn btn-success\" target=\"_self\">Ver Sentencia Completa...<\/a><\/div><\/div><\/div><\/div>\n<div class=\"col-md-12 col-sm-12 col-xs-12 pt-cv-content-item pt-cv-1-col\" ><div class='pt-cv-ifield'><a href=\"https:\/\/www.dmsjuridica.com\/buscador_20179478954\/corteconstitucionalcronologico202454587\/t-1280-05\/\" class=\"_self pt-cv-href-thumbnail pt-cv-thumb-default\" target=\"_self\" ><\/a>\n<div class=\"pt-cv-taxoterm above_title\"><a href='https:\/\/www.dmsjuridica.com\/buscador_20179478954\/corteconstitucionalcronologico202454587\/category\/buscar-en-toda-la-corte\/2005\/tutelas-2005\/' title='Tutelas 2005' class='pt-cv-tax-tutelas-2005'>Tutelas 2005<\/a><\/div>\n<h4 class=\"pt-cv-title\"><a href=\"https:\/\/www.dmsjuridica.com\/buscador_20179478954\/corteconstitucionalcronologico202454587\/t-1280-05\/\" class=\"_self\" target=\"_self\" >T-1280-05<\/a><\/h4>\n<div class=\"pt-cv-content\">\u00a0 \u00a0 Sentencia T-1280\/05 \u00a0 PERSONERO MUNICIPAL-Naturaleza \u00a0 MUNICIPIO-Categor\u00edas\/PERSONERO MUNICIPAL-Salario \u00a0 ENTIDADES TERRITORIALES-Descenso de categor\u00eda no implica reducci\u00f3n de salarios u honorarios\/RECLASIFICACION DE MUNICIPIO-Respeto de los derechos adquiridos \u00a0 GOBIERNO-Competencia para determinar r\u00e9gimen salarial de empleados p\u00fablicos de entidades territoriales \u00a0 DERECHO AL TRABAJO Y DERECHO A LA IGUALDAD-Alcance \u00a0 Referencia: expediente T-1162736 \u00a0 Acci\u00f3n de tutela instaurada por Maritza Vesga Mantilla contra la Alcald\u00eda Municipal de Yond\u00f3 -Antioquia-.\u00a0 \u00a0 Magistrado Ponente: \u00a0 Dr. HUMBERTO ANTONIO SIERRA PORTO \u00a0 Bogot\u00e1 D. C., seis (6) de diciembre de dos mil cinco (2005). \u00a0 La Sala S\u00e9ptima de Revisi\u00f3n de la Corte ...<br \/><div class=\"pt-cv-rmwrap\"><a href=\"https:\/\/www.dmsjuridica.com\/buscador_20179478954\/corteconstitucionalcronologico202454587\/t-1280-05\/\" class=\"_self pt-cv-readmore btn btn-success\" target=\"_self\">Ver Sentencia Completa...<\/a><\/div><\/div><\/div><\/div>\n<div class=\"col-md-12 col-sm-12 col-xs-12 pt-cv-content-item pt-cv-1-col\" ><div class='pt-cv-ifield'><a href=\"https:\/\/www.dmsjuridica.com\/buscador_20179478954\/corteconstitucionalcronologico202454587\/t-128-05\/\" class=\"_self pt-cv-href-thumbnail pt-cv-thumb-default\" target=\"_self\" ><\/a>\n<div class=\"pt-cv-taxoterm above_title\"><a href='https:\/\/www.dmsjuridica.com\/buscador_20179478954\/corteconstitucionalcronologico202454587\/category\/buscar-en-toda-la-corte\/2005\/tutelas-2005\/' title='Tutelas 2005' class='pt-cv-tax-tutelas-2005'>Tutelas 2005<\/a><\/div>\n<h4 class=\"pt-cv-title\"><a href=\"https:\/\/www.dmsjuridica.com\/buscador_20179478954\/corteconstitucionalcronologico202454587\/t-128-05\/\" class=\"_self\" target=\"_self\" >T-128-05<\/a><\/h4>\n<div class=\"pt-cv-content\">\u00a0 \u00a0 Sentencia T-128\/05 \u00a0 PRINCIPIO DE CONTINUIDAD EN EL SERVICIO DE SALUD-Prestaci\u00f3n sin interrupci\u00f3n. \u00a0 Respecto de la salud y la seguridad social la jurisprudencia ha precisado que la continuidad en su prestaci\u00f3n garantiza el derecho de los usuarios a recibirlo de manera oportuna y prohibe a las entidades responsables realizar actos u omitir obligaciones que afecten sus garant\u00edas fundamentales. En tal sentido, esta Corporaci\u00f3n ha sido enf\u00e1tica en se\u00f1alar que las razones de \u00edndole administrativo o aquellas relacionadas con el incumplimiento de las obligaciones de los empleadores o empresas contratantes con las E.P.S. no son aceptables para negar ...<br \/><div class=\"pt-cv-rmwrap\"><a href=\"https:\/\/www.dmsjuridica.com\/buscador_20179478954\/corteconstitucionalcronologico202454587\/t-128-05\/\" class=\"_self pt-cv-readmore btn btn-success\" target=\"_self\">Ver Sentencia Completa...<\/a><\/div><\/div><\/div><\/div>\n<div class=\"col-md-12 col-sm-12 col-xs-12 pt-cv-content-item pt-cv-1-col\" ><div class='pt-cv-ifield'><a href=\"https:\/\/www.dmsjuridica.com\/buscador_20179478954\/corteconstitucionalcronologico202454587\/t-1279-05\/\" class=\"_self pt-cv-href-thumbnail pt-cv-thumb-default\" target=\"_self\" ><\/a>\n<div class=\"pt-cv-taxoterm above_title\"><a href='https:\/\/www.dmsjuridica.com\/buscador_20179478954\/corteconstitucionalcronologico202454587\/category\/buscar-en-toda-la-corte\/2005\/tutelas-2005\/' title='Tutelas 2005' class='pt-cv-tax-tutelas-2005'>Tutelas 2005<\/a><\/div>\n<h4 class=\"pt-cv-title\"><a href=\"https:\/\/www.dmsjuridica.com\/buscador_20179478954\/corteconstitucionalcronologico202454587\/t-1279-05\/\" class=\"_self\" target=\"_self\" >T-1279-05<\/a><\/h4>\n<div class=\"pt-cv-content\">\u00a0 \u00a0 Sentencia T-1279\/05 \u00a0 DERECHO A LA ESTABILIDAD LABORAL REFORZADA DE MUJER EMBARAZADA-Elementos f\u00e1cticos que deben demostrarse \u00a0 EMPRESA DE SERVICIOS TEMPORALES-Naturaleza jur\u00eddica \u00a0 EMPRESA DE SERVICIOS TEMPORALES-Disoluci\u00f3n y liquidaci\u00f3n\/EMPRESA DE SERVICIOS TEMPORALES-Improcedencia de reintegro de la demandante por encontrarse disuelta y liquidada\u00a0 \u00a0 EMPRESA DE SERVICIOS TEMPORALES-Cumpli\u00f3 con el pago de obligaciones laborales y licencia de maternidad \u00a0 Referencia: expediente T-1072794 \u00a0 Acci\u00f3n de tutela instaurada por la se\u00f1ora Lucila Amparo Rodr\u00edguez Cer\u00f3n contra la Empresa de Flores Petulama Ltda. \u00a0 Magistrado Ponente:\u00a0 \u00a0 Dr. HUMBERTO ANTONIO SIERRA PORTO \u00a0 Bogot\u00e1, D. C., seis (6) de diciembre de ...<br \/><div class=\"pt-cv-rmwrap\"><a href=\"https:\/\/www.dmsjuridica.com\/buscador_20179478954\/corteconstitucionalcronologico202454587\/t-1279-05\/\" class=\"_self pt-cv-readmore btn btn-success\" target=\"_self\">Ver Sentencia Completa...<\/a><\/div><\/div><\/div><\/div>\n<div class=\"col-md-12 col-sm-12 col-xs-12 pt-cv-content-item pt-cv-1-col\" ><div class='pt-cv-ifield'><a href=\"https:\/\/www.dmsjuridica.com\/buscador_20179478954\/corteconstitucionalcronologico202454587\/t-1278-05\/\" class=\"_self pt-cv-href-thumbnail pt-cv-thumb-default\" target=\"_self\" ><\/a>\n<div class=\"pt-cv-taxoterm above_title\"><a href='https:\/\/www.dmsjuridica.com\/buscador_20179478954\/corteconstitucionalcronologico202454587\/category\/buscar-en-toda-la-corte\/2005\/tutelas-2005\/' title='Tutelas 2005' class='pt-cv-tax-tutelas-2005'>Tutelas 2005<\/a><\/div>\n<h4 class=\"pt-cv-title\"><a href=\"https:\/\/www.dmsjuridica.com\/buscador_20179478954\/corteconstitucionalcronologico202454587\/t-1278-05\/\" class=\"_self\" target=\"_self\" >T-1278-05<\/a><\/h4>\n<div class=\"pt-cv-content\">\u00a0 \u00a0 Sentencia T-1278\/05 \u00a0 ACCION DE TUTELA CONTRA ENTIDAD PROMOTORA DE SALUD-Evoluci\u00f3n jurisprudencial sobre suministro de aud\u00edfonos excluidos del POS \u00a0 DERECHO A LA SALUD-P\u00e9rdida de la capacidad auditiva constituye una discapacidad \u00a0 No cabe duda que una limitaci\u00f3n sensorial como la p\u00e9rdida de la capacidad auditiva representa una discapacidad para quien la padece, que comporta una entidad significativa y que amerita toda la atenci\u00f3n en salud por parte de las entidades encargadas de prestar dicho servicio p\u00fablico, a fin de garantizar una existencia digna.\u00a0 \u00a0 ACCION DE TUTELA CONTRA ENTIDAD PROMOTORA DE SALUD-Suministro de aud\u00edfonos \u00a0 Referencia: expedientes ...<br \/><div class=\"pt-cv-rmwrap\"><a href=\"https:\/\/www.dmsjuridica.com\/buscador_20179478954\/corteconstitucionalcronologico202454587\/t-1278-05\/\" class=\"_self pt-cv-readmore btn btn-success\" target=\"_self\">Ver Sentencia Completa...<\/a><\/div><\/div><\/div><\/div>\n<div class=\"col-md-12 col-sm-12 col-xs-12 pt-cv-content-item pt-cv-1-col\" ><div class='pt-cv-ifield'><a href=\"https:\/\/www.dmsjuridica.com\/buscador_20179478954\/corteconstitucionalcronologico202454587\/t-1277-05\/\" class=\"_self pt-cv-href-thumbnail pt-cv-thumb-default\" target=\"_self\" ><\/a>\n<div class=\"pt-cv-taxoterm above_title\"><a href='https:\/\/www.dmsjuridica.com\/buscador_20179478954\/corteconstitucionalcronologico202454587\/category\/buscar-en-toda-la-corte\/2005\/tutelas-2005\/' title='Tutelas 2005' class='pt-cv-tax-tutelas-2005'>Tutelas 2005<\/a><\/div>\n<h4 class=\"pt-cv-title\"><a href=\"https:\/\/www.dmsjuridica.com\/buscador_20179478954\/corteconstitucionalcronologico202454587\/t-1277-05\/\" class=\"_self\" target=\"_self\" >T-1277-05<\/a><\/h4>\n<div class=\"pt-cv-content\">\u00a0 \u00a0 Sentencia T-1277\/05 \u00a0 ACCION DE TUTELA-Procedencia excepcional para reconocimiento de derechos pensionales\/RELIQUIDACION DE PENSIONES-Requisitos que deben acreditarse para que proceda tutela transitoria \u00a0 RELIQUIDACION DE PENSION GRACIA-Improcedencia por no darse el cumplimiento de los requisitos del precedente jurisprudencial \u00a0 Para determinar si una acci\u00f3n de tutela es procedente como mecanismo transitorio no es suficiente que sean invocados fundamentos de derecho, es tambi\u00e9n necesario que sean acreditados los supuestos f\u00e1cticos que den cuenta de las condiciones materiales del demandante, lo cual no fue demostrado en esta oportunidad. En efecto, la falta en el cumplimiento de los requisitos dados por ...<br \/><div class=\"pt-cv-rmwrap\"><a href=\"https:\/\/www.dmsjuridica.com\/buscador_20179478954\/corteconstitucionalcronologico202454587\/t-1277-05\/\" class=\"_self pt-cv-readmore btn btn-success\" target=\"_self\">Ver Sentencia Completa...<\/a><\/div><\/div><\/div><\/div>\n<div class=\"col-md-12 col-sm-12 col-xs-12 pt-cv-content-item pt-cv-1-col\" ><div class='pt-cv-ifield'><a href=\"https:\/\/www.dmsjuridica.com\/buscador_20179478954\/corteconstitucionalcronologico202454587\/t-1276-05\/\" class=\"_self pt-cv-href-thumbnail pt-cv-thumb-default\" target=\"_self\" ><\/a>\n<div class=\"pt-cv-taxoterm above_title\"><a href='https:\/\/www.dmsjuridica.com\/buscador_20179478954\/corteconstitucionalcronologico202454587\/category\/buscar-en-toda-la-corte\/2005\/tutelas-2005\/' title='Tutelas 2005' class='pt-cv-tax-tutelas-2005'>Tutelas 2005<\/a><\/div>\n<h4 class=\"pt-cv-title\"><a href=\"https:\/\/www.dmsjuridica.com\/buscador_20179478954\/corteconstitucionalcronologico202454587\/t-1276-05\/\" class=\"_self\" target=\"_self\" >T-1276-05<\/a><\/h4>\n<div class=\"pt-cv-content\">\u00a0 \u00a0 Sentencia T-1276\/05 \u00a0 ACCION DE TUTELA-Subsidiariedad \u00a0 ACCION DE TUTELA CONTRA PROVIDENCIAS JUDICIALES-Causales gen\u00e9ricas de procedibilidad\/ACCION DE TUTELA CONTRA PROVIDENCIAS JUDICIALES-Causales especiales de procedibilidad \u00a0 ACCION DE TUTELA CONTRA PROVIDENCIAS JUDICIALES-Defecto f\u00e1ctico \u00a0 Referencia: expediente T-1166403 \u00a0 Acci\u00f3n de tutela instaurada por el se\u00f1or Jos\u00e9 Roberto Roa Ceballos contra el Juzgado Cuarto Civil del Circuito y el Tribunal Superior Distrito Judicial de Bogot\u00e1 - Sala Civil de Decisi\u00f3n. \u00a0 Magistrado Ponente:\u00a0 \u00a0 Dr. HUMBERTO ANTONIO SIERRA PORTO \u00a0 Bogot\u00e1, D. C., seis (6) de diciembre de dos mil cinco (2005). \u00a0 La Sala S\u00e9ptima de Revisi\u00f3n de la ...<br \/><div class=\"pt-cv-rmwrap\"><a href=\"https:\/\/www.dmsjuridica.com\/buscador_20179478954\/corteconstitucionalcronologico202454587\/t-1276-05\/\" class=\"_self pt-cv-readmore btn btn-success\" target=\"_self\">Ver Sentencia Completa...<\/a><\/div><\/div><\/div><\/div>\n<div class=\"col-md-12 col-sm-12 col-xs-12 pt-cv-content-item pt-cv-1-col\" ><div class='pt-cv-ifield'><a href=\"https:\/\/www.dmsjuridica.com\/buscador_20179478954\/corteconstitucionalcronologico202454587\/t-1275-05\/\" class=\"_self pt-cv-href-thumbnail pt-cv-thumb-default\" target=\"_self\" ><\/a>\n<div class=\"pt-cv-taxoterm above_title\"><a href='https:\/\/www.dmsjuridica.com\/buscador_20179478954\/corteconstitucionalcronologico202454587\/category\/buscar-en-toda-la-corte\/2005\/tutelas-2005\/' title='Tutelas 2005' class='pt-cv-tax-tutelas-2005'>Tutelas 2005<\/a><\/div>\n<h4 class=\"pt-cv-title\"><a href=\"https:\/\/www.dmsjuridica.com\/buscador_20179478954\/corteconstitucionalcronologico202454587\/t-1275-05\/\" class=\"_self\" target=\"_self\" >T-1275-05<\/a><\/h4>\n<div class=\"pt-cv-content\">\u00a0 \u00a0 Sentencia T-1275\/05 \u00a0 LEGITIMACION POR ACTIVA-Cualquier persona puede exigir el cumplimiento de los derechos de los ni\u00f1os \u00a0 DERECHOS FUNDAMENTALES DEL NI\u00d1O-Protecci\u00f3n constitucional \u00a0 CONVENCION SOBRE LOS DERECHOS DEL NI\u00d1O-Alcance \u00a0 DERECHOS DE PROTECCION DEL MENOR-Medidas de car\u00e1cter f\u00e1ctico y normativo \u00a0 DERECHO A LA FAMILIA-Protecci\u00f3n constitucional especial \u00a0 FAMILIA-Importancia en el desarrollo y protecci\u00f3n de los menores \u00a0 La familia desempe\u00f1a, por lo general, un papel fundamental en el desarrollo y protecci\u00f3n de los menores. Son los nexos familiares los primeros que se construyen y a partir de los mismos se apropian ni\u00f1as y ni\u00f1os del lenguaje, ...<br \/><div class=\"pt-cv-rmwrap\"><a href=\"https:\/\/www.dmsjuridica.com\/buscador_20179478954\/corteconstitucionalcronologico202454587\/t-1275-05\/\" class=\"_self pt-cv-readmore btn btn-success\" target=\"_self\">Ver Sentencia Completa...<\/a><\/div><\/div><\/div><\/div>\n<div class=\"col-md-12 col-sm-12 col-xs-12 pt-cv-content-item pt-cv-1-col\" ><div class='pt-cv-ifield'><a href=\"https:\/\/www.dmsjuridica.com\/buscador_20179478954\/corteconstitucionalcronologico202454587\/t-1274-05\/\" class=\"_self pt-cv-href-thumbnail pt-cv-thumb-default\" target=\"_self\" ><\/a>\n<div class=\"pt-cv-taxoterm above_title\"><a href='https:\/\/www.dmsjuridica.com\/buscador_20179478954\/corteconstitucionalcronologico202454587\/category\/buscar-en-toda-la-corte\/2005\/tutelas-2005\/' title='Tutelas 2005' class='pt-cv-tax-tutelas-2005'>Tutelas 2005<\/a><\/div>\n<h4 class=\"pt-cv-title\"><a href=\"https:\/\/www.dmsjuridica.com\/buscador_20179478954\/corteconstitucionalcronologico202454587\/t-1274-05\/\" class=\"_self\" target=\"_self\" >T-1274-05<\/a><\/h4>\n<div class=\"pt-cv-content\">\u00a0 \u00a0 Sentencia T-1274\/05 \u00a0 ACCION DE TUTELA CONTRA PROVIDENCIAS JUDICIALES-Procedencia excepcional por v\u00eda de hecho\u00a0 \u00a0 La revocatoria de los autos interlocutorios ejecutoriados, de oficio o a petici\u00f3n de parte, no est\u00e1 prevista en el ordenamiento jur\u00eddico como formula procesal v\u00e1lida para que los jueces procedan a reformar lo decidido en estas providencias, ni siquiera en el t\u00e9rmino de ejecutoria de las mismas, lo cual no obra en perjuicio de las modificaciones que sean el resultado del tr\u00e1mite del ejercicio de los diferentes medios de impugnaci\u00f3n. \u00a0Al respecto ha dicho que la facultad prevista en la norma mencionada, modificada ...<br \/><div class=\"pt-cv-rmwrap\"><a href=\"https:\/\/www.dmsjuridica.com\/buscador_20179478954\/corteconstitucionalcronologico202454587\/t-1274-05\/\" class=\"_self pt-cv-readmore btn btn-success\" target=\"_self\">Ver Sentencia Completa...<\/a><\/div><\/div><\/div><\/div>\n<div class=\"col-md-12 col-sm-12 col-xs-12 pt-cv-content-item pt-cv-1-col\" ><div class='pt-cv-ifield'><a href=\"https:\/\/www.dmsjuridica.com\/buscador_20179478954\/corteconstitucionalcronologico202454587\/t-1273-05\/\" class=\"_self pt-cv-href-thumbnail pt-cv-thumb-default\" target=\"_self\" ><\/a>\n<div class=\"pt-cv-taxoterm above_title\"><a href='https:\/\/www.dmsjuridica.com\/buscador_20179478954\/corteconstitucionalcronologico202454587\/category\/buscar-en-toda-la-corte\/2005\/tutelas-2005\/' title='Tutelas 2005' class='pt-cv-tax-tutelas-2005'>Tutelas 2005<\/a><\/div>\n<h4 class=\"pt-cv-title\"><a href=\"https:\/\/www.dmsjuridica.com\/buscador_20179478954\/corteconstitucionalcronologico202454587\/t-1273-05\/\" class=\"_self\" target=\"_self\" >T-1273-05<\/a><\/h4>\n<div class=\"pt-cv-content\">\u00a0 \u00a0 Sentencia T-1273\/05 \u00a0 ACCION DE TUTELA-Procedencia excepcional para pago de sumas de dinero originadas en contrato de prestaci\u00f3n de servicios\u00a0 \u00a0 Esta Corporaci\u00f3n ha se\u00f1alado enf\u00e1ticamente, en relaci\u00f3n con las obligaciones derivadas de relaciones contractuales o de prestaci\u00f3n de servicios que la acci\u00f3n de tutela no es un mecanismo jur\u00eddico adecuado para reclamar derechos de car\u00e1cter contractual. Sin embargo, tambi\u00e9n ha dicho que el mecanismo de amparo procede excepcionalmente para reclamar el pago efectivo de acreencias originadas en este tipo de relaciones, cuando se encuentran acreditados los elementos probatorios suficientes que permitan concluir con absoluta certeza que el ...<br \/><div class=\"pt-cv-rmwrap\"><a href=\"https:\/\/www.dmsjuridica.com\/buscador_20179478954\/corteconstitucionalcronologico202454587\/t-1273-05\/\" class=\"_self pt-cv-readmore btn btn-success\" target=\"_self\">Ver Sentencia Completa...<\/a><\/div><\/div><\/div><\/div>\n<div class=\"col-md-12 col-sm-12 col-xs-12 pt-cv-content-item pt-cv-1-col\" ><div class='pt-cv-ifield'><a href=\"https:\/\/www.dmsjuridica.com\/buscador_20179478954\/corteconstitucionalcronologico202454587\/t-1272-05\/\" class=\"_self pt-cv-href-thumbnail pt-cv-thumb-default\" target=\"_self\" ><\/a>\n<div class=\"pt-cv-taxoterm above_title\"><a href='https:\/\/www.dmsjuridica.com\/buscador_20179478954\/corteconstitucionalcronologico202454587\/category\/buscar-en-toda-la-corte\/2005\/tutelas-2005\/' title='Tutelas 2005' class='pt-cv-tax-tutelas-2005'>Tutelas 2005<\/a><\/div>\n<h4 class=\"pt-cv-title\"><a href=\"https:\/\/www.dmsjuridica.com\/buscador_20179478954\/corteconstitucionalcronologico202454587\/t-1272-05\/\" class=\"_self\" target=\"_self\" >T-1272-05<\/a><\/h4>\n<div class=\"pt-cv-content\">\u00a0 \u00a0 Sentencia T-1272\/05 \u00a0 ACCION DE TUTELA-Hecho superado por practica de cirug\u00eda por obesidad m\u00f3rbida \u00a0 Referencia: expediente T-1129951 \u00a0 Demandante: Rosa Matilde Benito Revollo Carrasquilla. \u00a0 Demandado: Cafesalud E.P.S \u00a0 Magistrado Ponente:\u00a0 \u00a0 Dr. RODRIGO ESCOBAR GIL \u00a0 Bogot\u00e1, D. C., seis (6) de diciembre de dos mil cinco (2005). \u00a0 La Sala Quinta de Revisi\u00f3n de la Corte Constitucional, integrada por los Magistrados Rodrigo Escobar Gil, Marco Gerardo Monroy Cabra y Humberto Antonio Sierra Porto, en ejercicio de sus competencias constitucionales y legales, ha pronunciado la siguiente: \u00a0 SENTENCIA \u00a0 En el proceso de revisi\u00f3n de los ...<br \/><div class=\"pt-cv-rmwrap\"><a href=\"https:\/\/www.dmsjuridica.com\/buscador_20179478954\/corteconstitucionalcronologico202454587\/t-1272-05\/\" class=\"_self pt-cv-readmore btn btn-success\" target=\"_self\">Ver Sentencia Completa...<\/a><\/div><\/div><\/div><\/div>\n<div class=\"col-md-12 col-sm-12 col-xs-12 pt-cv-content-item pt-cv-1-col\" ><div class='pt-cv-ifield'><a href=\"https:\/\/www.dmsjuridica.com\/buscador_20179478954\/corteconstitucionalcronologico202454587\/t-1271-05\/\" class=\"_self pt-cv-href-thumbnail pt-cv-thumb-default\" target=\"_self\" ><\/a>\n<div class=\"pt-cv-taxoterm above_title\"><a href='https:\/\/www.dmsjuridica.com\/buscador_20179478954\/corteconstitucionalcronologico202454587\/category\/buscar-en-toda-la-corte\/2005\/tutelas-2005\/' title='Tutelas 2005' class='pt-cv-tax-tutelas-2005'>Tutelas 2005<\/a><\/div>\n<h4 class=\"pt-cv-title\"><a href=\"https:\/\/www.dmsjuridica.com\/buscador_20179478954\/corteconstitucionalcronologico202454587\/t-1271-05\/\" class=\"_self\" target=\"_self\" >T-1271-05<\/a><\/h4>\n<div class=\"pt-cv-content\">\u00a0 \u00a0 Sentencia T-1271\/05 \u00a0 DERECHO A LA SALUD-Tratamiento o medicamento debe ser prescrito por m\u00e9dico adscrito a la EPS \u00a0 DERECHO A LA VIDA EN CONDICIONES DIGNAS Y JUSTAS-Suministro de medicamentos para infecci\u00f3n en un dedo del pie \u00a0 La presencia de una infecci\u00f3n en un dedo del pie derecho \u00a0del accionante, genera molestias en su salud y en su diario vivir, haciendo indignas sus condiciones de vida. Por tal motivo, se considera que el neg\u00e1rsele el acceso los medios m\u00e9dicos, en \u00e9ste caso, al suministro del medicamento espec\u00edficamente recetado por su m\u00e9dico tratante, adem\u00e1s de postergar de manera ...<br \/><div class=\"pt-cv-rmwrap\"><a href=\"https:\/\/www.dmsjuridica.com\/buscador_20179478954\/corteconstitucionalcronologico202454587\/t-1271-05\/\" class=\"_self pt-cv-readmore btn btn-success\" target=\"_self\">Ver Sentencia Completa...<\/a><\/div><\/div><\/div><\/div>\n<div class=\"col-md-12 col-sm-12 col-xs-12 pt-cv-content-item pt-cv-1-col\" ><div class='pt-cv-ifield'><a href=\"https:\/\/www.dmsjuridica.com\/buscador_20179478954\/corteconstitucionalcronologico202454587\/t-1270-05\/\" class=\"_self pt-cv-href-thumbnail pt-cv-thumb-default\" target=\"_self\" ><\/a>\n<div class=\"pt-cv-taxoterm above_title\"><a href='https:\/\/www.dmsjuridica.com\/buscador_20179478954\/corteconstitucionalcronologico202454587\/category\/buscar-en-toda-la-corte\/2005\/tutelas-2005\/' title='Tutelas 2005' class='pt-cv-tax-tutelas-2005'>Tutelas 2005<\/a><\/div>\n<h4 class=\"pt-cv-title\"><a href=\"https:\/\/www.dmsjuridica.com\/buscador_20179478954\/corteconstitucionalcronologico202454587\/t-1270-05\/\" class=\"_self\" target=\"_self\" >T-1270-05<\/a><\/h4>\n<div class=\"pt-cv-content\">\u00a0 \u00a0 Sentencia T-1270\/05 \u00a0 ACCION DE TUTELA CONTRA PARTICULARES-Indefensi\u00f3n \u00a0 CONTAMINACION AUDITIVA-Intromisi\u00f3n indebida en el espacio privado de las personas \u00a0 ACCION DE TUTELA POR CONTAMINACION AUDITIVA-Vulneraci\u00f3n de derechos por m\u00fasica a alto volumen en establecimiento comercial \u00a0 Reiteraci\u00f3n de Jurisprudencia \u00a0 Acci\u00f3n de tutela instaurada por la se\u00f1ora Triny Daniells de Oyola contra la se\u00f1ora Emperatriz Su\u00e1rez Beltr\u00e1n1. \u00a0 Magistrado Ponente: \u00a0 Dr. MANUEL JOS\u00c9 CEPEDA ESPINOSA \u00a0 Bogot\u00e1 D. C., seis (6) de diciembre de dos mil cinco (2005). \u00a0 La Sala Tercera de Revisi\u00f3n de la Corte Constitucional, integrada por los Magistrados Manuel Jos\u00e9 Cepeda Espinosa, ...<br \/><div class=\"pt-cv-rmwrap\"><a href=\"https:\/\/www.dmsjuridica.com\/buscador_20179478954\/corteconstitucionalcronologico202454587\/t-1270-05\/\" class=\"_self pt-cv-readmore btn btn-success\" target=\"_self\">Ver Sentencia Completa...<\/a><\/div><\/div><\/div><\/div>\n<div class=\"col-md-12 col-sm-12 col-xs-12 pt-cv-content-item pt-cv-1-col\" ><div class='pt-cv-ifield'><a href=\"https:\/\/www.dmsjuridica.com\/buscador_20179478954\/corteconstitucionalcronologico202454587\/t-127-05\/\" class=\"_self pt-cv-href-thumbnail pt-cv-thumb-default\" target=\"_self\" ><\/a>\n<div class=\"pt-cv-taxoterm above_title\"><a href='https:\/\/www.dmsjuridica.com\/buscador_20179478954\/corteconstitucionalcronologico202454587\/category\/buscar-en-toda-la-corte\/2005\/tutelas-2005\/' title='Tutelas 2005' class='pt-cv-tax-tutelas-2005'>Tutelas 2005<\/a><\/div>\n<h4 class=\"pt-cv-title\"><a href=\"https:\/\/www.dmsjuridica.com\/buscador_20179478954\/corteconstitucionalcronologico202454587\/t-127-05\/\" class=\"_self\" target=\"_self\" >T-127-05<\/a><\/h4>\n<div class=\"pt-cv-content\">\u00a0 \u00a0 Sentencia T-127\/05 \u00a0 ACCION DE TUTELA-Hecho superado por pago de gastos m\u00e9dicos por parte del accionante\u00a0 \u00a0 Referencia: expedientes: T-999200, 999201 y 999202 \u00a0 Accionantes: Zulma Dalila Fl\u00f3rez Mira, Luz Marieta Pineda Sierra, Mar\u00eda Elcy Marulanda, Robid Astrid Rengifo Castro, Leonel Orozco Bedoya, Jes\u00fas Emilio Gil, Uriel Antonio Osorio G\u00f3mez, Leonardo G\u00f3mez M., Guillermo Uribe Lopera, Julio C\u00e9sar Moncada Ruiz, Rodrigo Brand Holgu\u00edn, Jes\u00fas Hernando Uribe Lopera, Luis Fernando Berr\u00edo G., William Alonso Vidal Tob\u00f3n, Manuel de Jes\u00fas Boh\u00f3rquez, Anuario de Jes\u00fas Cifuentes Rodr\u00edguez, Luis Carlos Beltr\u00e1n Zapata, Dorian Hern\u00e1ndez, Antonio Galvis, Gustavo Monta\u00f1o, Israel Mac\u00edas, Jos\u00e9 Hern\u00e1ndez, ...<br \/><div class=\"pt-cv-rmwrap\"><a href=\"https:\/\/www.dmsjuridica.com\/buscador_20179478954\/corteconstitucionalcronologico202454587\/t-127-05\/\" class=\"_self pt-cv-readmore btn btn-success\" target=\"_self\">Ver Sentencia Completa...<\/a><\/div><\/div><\/div><\/div>\n<div class=\"col-md-12 col-sm-12 col-xs-12 pt-cv-content-item pt-cv-1-col\" ><div class='pt-cv-ifield'><a href=\"https:\/\/www.dmsjuridica.com\/buscador_20179478954\/corteconstitucionalcronologico202454587\/t-1269-05\/\" class=\"_self pt-cv-href-thumbnail pt-cv-thumb-default\" target=\"_self\" ><\/a>\n<div class=\"pt-cv-taxoterm above_title\"><a href='https:\/\/www.dmsjuridica.com\/buscador_20179478954\/corteconstitucionalcronologico202454587\/category\/buscar-en-toda-la-corte\/2005\/tutelas-2005\/' title='Tutelas 2005' class='pt-cv-tax-tutelas-2005'>Tutelas 2005<\/a><\/div>\n<h4 class=\"pt-cv-title\"><a href=\"https:\/\/www.dmsjuridica.com\/buscador_20179478954\/corteconstitucionalcronologico202454587\/t-1269-05\/\" class=\"_self\" target=\"_self\" >T-1269-05<\/a><\/h4>\n<div class=\"pt-cv-content\">\u00a0 \u00a0 Sentencia T-1269\/05 \u00a0 El derecho de los menores de edad con talentos o capacidades extraordinarios a la educaci\u00f3n especial tiene el car\u00e1cter de fundamental: \u201cla obligaci\u00f3n especial del Estado de dar educaci\u00f3n a las personas con capacidades excepcionales, necesariamente configura la existencia de un derecho fundamental espec\u00edfico que puede ser exigido por quienes acrediten que poseen talentos y capacidades excepcionales, es decir, superiores a las comunes o normales que tienen las dem\u00e1s personas y, adem\u00e1s, que tienen m\u00e9ritos suficientes no s\u00f3lo para acceder, sino para permanecer dentro del sistema especial de educaci\u00f3n que al efecto dise\u00f1e aqu\u00e9l\u201d.\u00a0 \u00a0 ...<br \/><div class=\"pt-cv-rmwrap\"><a href=\"https:\/\/www.dmsjuridica.com\/buscador_20179478954\/corteconstitucionalcronologico202454587\/t-1269-05\/\" class=\"_self pt-cv-readmore btn btn-success\" target=\"_self\">Ver Sentencia Completa...<\/a><\/div><\/div><\/div><\/div>\n<div class=\"col-md-12 col-sm-12 col-xs-12 pt-cv-content-item pt-cv-1-col\" ><div class='pt-cv-ifield'><a href=\"https:\/\/www.dmsjuridica.com\/buscador_20179478954\/corteconstitucionalcronologico202454587\/t-1268-05\/\" class=\"_self pt-cv-href-thumbnail pt-cv-thumb-default\" target=\"_self\" ><\/a>\n<div class=\"pt-cv-taxoterm above_title\"><a href='https:\/\/www.dmsjuridica.com\/buscador_20179478954\/corteconstitucionalcronologico202454587\/category\/buscar-en-toda-la-corte\/2005\/tutelas-2005\/' title='Tutelas 2005' class='pt-cv-tax-tutelas-2005'>Tutelas 2005<\/a><\/div>\n<h4 class=\"pt-cv-title\"><a href=\"https:\/\/www.dmsjuridica.com\/buscador_20179478954\/corteconstitucionalcronologico202454587\/t-1268-05\/\" class=\"_self\" target=\"_self\" >T-1268-05<\/a><\/h4>\n<div class=\"pt-cv-content\">\u00a0 \u00a0 Sentencia T-1268\/05 \u00a0 ACCION DE TUTELA-Procedencia excepcional pago de acreencias laborales \u00a0 PENSION DE INVALIDEZ-Revisi\u00f3n peri\u00f3dica de la calificaci\u00f3n y finalidad\/PENSION DE INVALIDEZ-Revisi\u00f3n corresponde a juntas de calificaci\u00f3n de invalidez \u00a0 La revisi\u00f3n de una calificaci\u00f3n de invalidez se debe hacer de manera peri\u00f3dica y tiene como finalidad determinar si se han producido cambios en las manifestaciones de la incapacidad que tengan el efecto de modificarla invalidez inicialmente determinada, ya sea porque aument\u00f3 o disminuy\u00f3 el grado de p\u00e9rdida de la capacidad laboral, o porque esta incapacidad desapareci\u00f3. La revisi\u00f3n de la invalidez corresponde a las juntas de ...<br \/><div class=\"pt-cv-rmwrap\"><a href=\"https:\/\/www.dmsjuridica.com\/buscador_20179478954\/corteconstitucionalcronologico202454587\/t-1268-05\/\" class=\"_self pt-cv-readmore btn btn-success\" target=\"_self\">Ver Sentencia Completa...<\/a><\/div><\/div><\/div><\/div>\n<div class=\"col-md-12 col-sm-12 col-xs-12 pt-cv-content-item pt-cv-1-col\" ><div class='pt-cv-ifield'><a href=\"https:\/\/www.dmsjuridica.com\/buscador_20179478954\/corteconstitucionalcronologico202454587\/t-126-05\/\" class=\"_self pt-cv-href-thumbnail pt-cv-thumb-default\" target=\"_self\" ><\/a>\n<div class=\"pt-cv-taxoterm above_title\"><a href='https:\/\/www.dmsjuridica.com\/buscador_20179478954\/corteconstitucionalcronologico202454587\/category\/buscar-en-toda-la-corte\/2005\/tutelas-2005\/' title='Tutelas 2005' class='pt-cv-tax-tutelas-2005'>Tutelas 2005<\/a><\/div>\n<h4 class=\"pt-cv-title\"><a href=\"https:\/\/www.dmsjuridica.com\/buscador_20179478954\/corteconstitucionalcronologico202454587\/t-126-05\/\" class=\"_self\" target=\"_self\" >T-126-05<\/a><\/h4>\n<div class=\"pt-cv-content\">\u00a0 \u00a0 Sentencia T-126\/05 \u00a0 ACCION DE TUTELA-Procedencia en caso de presentarse controversia por decisiones adoptadas por los \u00f3rganos de direcci\u00f3n y administraci\u00f3n de propiedad horizontal\u00a0 \u00a0 ACCION DE TUTELA CONTRA ADMINISTRACION DE CONJUNTO RESIDENCIAL-Improcedencia por no ejercicio oportuno de recursos. \u00a0 DEBIDO PROCESO-No vulneraci\u00f3n en el caso concreto\u00a0 \u00a0 Referencia: expediente T-990320 \u00a0 Peticionario: Germ\u00e1n Ortiz P\u00e9rez \u00a0 Accionado: Eduardo Acosta y Amparo Bahena, miembros del Consejo de Administraci\u00f3n del Edificio Pasadena Plaza, y Nubia Gait\u00e1n, delegada de diferentes firmas contratadas por el Consejo para la prestaci\u00f3n de servicios al Edificio Pasadena Plaza. \u00a0 Magistrado Ponente:\u00a0 \u00a0 Dr. MARCO ...<br \/><div class=\"pt-cv-rmwrap\"><a href=\"https:\/\/www.dmsjuridica.com\/buscador_20179478954\/corteconstitucionalcronologico202454587\/t-126-05\/\" class=\"_self pt-cv-readmore btn btn-success\" target=\"_self\">Ver Sentencia Completa...<\/a><\/div><\/div><\/div><\/div>\n<div class=\"col-md-12 col-sm-12 col-xs-12 pt-cv-content-item pt-cv-1-col\" ><div class='pt-cv-ifield'><a href=\"https:\/\/www.dmsjuridica.com\/buscador_20179478954\/corteconstitucionalcronologico202454587\/t-1259-05\/\" class=\"_self pt-cv-href-thumbnail pt-cv-thumb-default\" target=\"_self\" ><\/a>\n<div class=\"pt-cv-taxoterm above_title\"><a href='https:\/\/www.dmsjuridica.com\/buscador_20179478954\/corteconstitucionalcronologico202454587\/category\/buscar-en-toda-la-corte\/2005\/tutelas-2005\/' title='Tutelas 2005' class='pt-cv-tax-tutelas-2005'>Tutelas 2005<\/a><\/div>\n<h4 class=\"pt-cv-title\"><a href=\"https:\/\/www.dmsjuridica.com\/buscador_20179478954\/corteconstitucionalcronologico202454587\/t-1259-05\/\" class=\"_self\" target=\"_self\" >T-1259-05<\/a><\/h4>\n<div class=\"pt-cv-content\">\u00a0 \u00a0 Sentencia T-1259\/05 \u00a0 REGIMEN PENITENCIARIO-Finalidad de reinserci\u00f3n social \u00a0 La funci\u00f3n de la reclusi\u00f3n tiene que ver con la asistencia al condenado, con miras a lograr su reinserci\u00f3n social, con pleno respeto de sus garant\u00edas constitucionales, excepto en raz\u00f3n de las limitaciones propias de la p\u00e9rdida de su libertad, relacionadas en todos los casos con la disciplina y seguridad carcelarias y que el car\u00e1cter aflictivo de la condena culmina con la imposici\u00f3n del castigo, puede afirmarse que en un Estado social de derecho el respeto de la autonom\u00eda individual comporta la imposibilidad de que las autoridades carcelarias utilicen ...<br \/><div class=\"pt-cv-rmwrap\"><a href=\"https:\/\/www.dmsjuridica.com\/buscador_20179478954\/corteconstitucionalcronologico202454587\/t-1259-05\/\" class=\"_self pt-cv-readmore btn btn-success\" target=\"_self\">Ver Sentencia Completa...<\/a><\/div><\/div><\/div><\/div>\n<div class=\"col-md-12 col-sm-12 col-xs-12 pt-cv-content-item pt-cv-1-col\" ><div class='pt-cv-ifield'><a href=\"https:\/\/www.dmsjuridica.com\/buscador_20179478954\/corteconstitucionalcronologico202454587\/t-1258-05\/\" class=\"_self pt-cv-href-thumbnail pt-cv-thumb-default\" target=\"_self\" ><\/a>\n<div class=\"pt-cv-taxoterm above_title\"><a href='https:\/\/www.dmsjuridica.com\/buscador_20179478954\/corteconstitucionalcronologico202454587\/category\/buscar-en-toda-la-corte\/2005\/tutelas-2005\/' title='Tutelas 2005' class='pt-cv-tax-tutelas-2005'>Tutelas 2005<\/a><\/div>\n<h4 class=\"pt-cv-title\"><a href=\"https:\/\/www.dmsjuridica.com\/buscador_20179478954\/corteconstitucionalcronologico202454587\/t-1258-05\/\" class=\"_self\" target=\"_self\" >T-1258-05<\/a><\/h4>\n<div class=\"pt-cv-content\">ACTO ADMINISTRATIVO DE DESVINCULACION DE EMPLEADOS DE CARRERA-Motivaci\u00f3n\/DERECHO A LA ESTABILIDAD LABORAL-Cargos en provisionalidad \u00a0 DESVINCULACION DE MADRE CABEZA DE FAMILIA EN CARGO DE CARRERA EN PROVISIONALIDAD-Vulneraci\u00f3n por falta de motivaci\u00f3n\/DESVINCULACION DE MADRE CABEZA DE FAMILIA EN CARGO DE CARRERA EN PROVISIONALIDAD-Existencia de perjuicio irremediable \u00a0 ACCION DE TUTELA TRANSITORIA-Reintegro al cargo de madre cabeza de familia \u00a0 Referencia: expediente T-1171351 \u00a0 Acci\u00f3n de tutela instaurada por NANCY ELENA RODR\u00cdGUEZ G\u00d3MEZ contra la DIRECCI\u00d3N EJECUTIVA DE ADMINISTRACI\u00d3N JUDICIAL \u00a0 Magistrado Ponente: \u00a0 Dr. ALVARO TAFUR GALVIS \u00a0 Bogot\u00e1, D. C., cinco (5) de diciembre de dos mil cinco (2005). \u00a0 ...<br \/><div class=\"pt-cv-rmwrap\"><a href=\"https:\/\/www.dmsjuridica.com\/buscador_20179478954\/corteconstitucionalcronologico202454587\/t-1258-05\/\" class=\"_self pt-cv-readmore btn btn-success\" target=\"_self\">Ver Sentencia Completa...<\/a><\/div><\/div><\/div><\/div>\n<div class=\"col-md-12 col-sm-12 col-xs-12 pt-cv-content-item pt-cv-1-col\" ><div class='pt-cv-ifield'><a href=\"https:\/\/www.dmsjuridica.com\/buscador_20179478954\/corteconstitucionalcronologico202454587\/t-1257-05\/\" class=\"_self pt-cv-href-thumbnail pt-cv-thumb-default\" target=\"_self\" ><\/a>\n<div class=\"pt-cv-taxoterm above_title\"><a href='https:\/\/www.dmsjuridica.com\/buscador_20179478954\/corteconstitucionalcronologico202454587\/category\/buscar-en-toda-la-corte\/2005\/tutelas-2005\/' title='Tutelas 2005' class='pt-cv-tax-tutelas-2005'>Tutelas 2005<\/a><\/div>\n<h4 class=\"pt-cv-title\"><a href=\"https:\/\/www.dmsjuridica.com\/buscador_20179478954\/corteconstitucionalcronologico202454587\/t-1257-05\/\" class=\"_self\" target=\"_self\" >T-1257-05<\/a><\/h4>\n<div class=\"pt-cv-content\">\u00a0 \u00a0 Sentencia T-1257\/05 \u00a0 ACCION DE TUTELA-Improcedencia contra actos de car\u00e1cter general, impersonal y abstracto \u00a0 DERECHO A LA SEGURIDAD PERSONAL-Protecci\u00f3n frente a problemas de orden p\u00fablico \u00a0 El derecho a la seguridad personal, faculta a las personas para exigir protecci\u00f3n adecuada, cuandoquiera que est\u00e9n expuestas a riesgos excepcionales que, por rebasar los niveles soportables de peligro impl\u00edcitos en la vida en sociedad, no tienen el deber jur\u00eddico de tolerar; en esa medida, el derecho a la seguridad constituye una manifestaci\u00f3n del principio de igualdad ante las cargas p\u00fablicas, materializa el deber de mantenimiento del orden p\u00fablico a cargo ...<br \/><div class=\"pt-cv-rmwrap\"><a href=\"https:\/\/www.dmsjuridica.com\/buscador_20179478954\/corteconstitucionalcronologico202454587\/t-1257-05\/\" class=\"_self pt-cv-readmore btn btn-success\" target=\"_self\">Ver Sentencia Completa...<\/a><\/div><\/div><\/div><\/div>\n<div class=\"col-md-12 col-sm-12 col-xs-12 pt-cv-content-item pt-cv-1-col\" ><div class='pt-cv-ifield'><a href=\"https:\/\/www.dmsjuridica.com\/buscador_20179478954\/corteconstitucionalcronologico202454587\/t-1256-05\/\" class=\"_self pt-cv-href-thumbnail pt-cv-thumb-default\" target=\"_self\" ><\/a>\n<div class=\"pt-cv-taxoterm above_title\"><a href='https:\/\/www.dmsjuridica.com\/buscador_20179478954\/corteconstitucionalcronologico202454587\/category\/buscar-en-toda-la-corte\/2005\/tutelas-2005\/' title='Tutelas 2005' class='pt-cv-tax-tutelas-2005'>Tutelas 2005<\/a><\/div>\n<h4 class=\"pt-cv-title\"><a href=\"https:\/\/www.dmsjuridica.com\/buscador_20179478954\/corteconstitucionalcronologico202454587\/t-1256-05\/\" class=\"_self\" target=\"_self\" >T-1256-05<\/a><\/h4>\n<div class=\"pt-cv-content\">\u00a0 \u00a0 Sentencia T-1256\/05 \u00a0 JUEZ DE TUTELA-Vinculaci\u00f3n de oficio de personas o entidades al proceso \u00a0 ACCION DE TUTELA-Hecho superado por inclusi\u00f3n en el SISBEN y suministro tratamiento m\u00e9dico para enfermedad catastr\u00f3fica \u00a0 Referencia: expediente T-1116547 \u00a0 Acci\u00f3n de tutela instaurada por Mar\u00eda Elena Romero Latorre contra la Secretaria Municipal de Salud de La Uni\u00f3n -Valle- \u00a0 Magistrado Ponente: \u00a0 Dr. ALVARO TAFUR GALVIS \u00a0 Bogot\u00e1, D. C., cinco (5) de diciembre de dos mil cinco (2005). \u00a0 La Sala Octava de Revisi\u00f3n de la Corte Constitucional, integrada por los magistrados Clara In\u00e9s Vargas Hern\u00e1ndez, Jaime Ara\u00fajo Renter\u00eda y ...<br \/><div class=\"pt-cv-rmwrap\"><a href=\"https:\/\/www.dmsjuridica.com\/buscador_20179478954\/corteconstitucionalcronologico202454587\/t-1256-05\/\" class=\"_self pt-cv-readmore btn btn-success\" target=\"_self\">Ver Sentencia Completa...<\/a><\/div><\/div><\/div><\/div>\n<div class=\"col-md-12 col-sm-12 col-xs-12 pt-cv-content-item pt-cv-1-col\" ><div class='pt-cv-ifield'><a href=\"https:\/\/www.dmsjuridica.com\/buscador_20179478954\/corteconstitucionalcronologico202454587\/t-1255-05\/\" class=\"_self pt-cv-href-thumbnail pt-cv-thumb-default\" target=\"_self\" ><\/a>\n<div class=\"pt-cv-taxoterm above_title\"><a href='https:\/\/www.dmsjuridica.com\/buscador_20179478954\/corteconstitucionalcronologico202454587\/category\/buscar-en-toda-la-corte\/2005\/tutelas-2005\/' title='Tutelas 2005' class='pt-cv-tax-tutelas-2005'>Tutelas 2005<\/a><\/div>\n<h4 class=\"pt-cv-title\"><a href=\"https:\/\/www.dmsjuridica.com\/buscador_20179478954\/corteconstitucionalcronologico202454587\/t-1255-05\/\" class=\"_self\" target=\"_self\" >T-1255-05<\/a><\/h4>\n<div class=\"pt-cv-content\">\u00a0 \u00a0 Sentencia T-1255\/05 \u00a0 ACCION DE TUTELA-Improcedencia por no ejercicio oportuno de mecanismo de defensa judicial \u00a0 \u00a0 Referencia: expediente T-1185232 \u00a0 Acci\u00f3n de tutela instaurada por Manuel Edilson Calvo Meza contra el Juzgado Segundo Civil del Circuito de Bogot\u00e1. \u00a0 Magistrado Ponente: \u00a0 Dr. ALVARO TAFUR GALVIS \u00a0 La Sala Octava de Revisi\u00f3n de la Corte Constitucional, integrada por los magistrados Clara In\u00e9s Vargas Hern\u00e1ndez, Jaime Araujo Renter\u00eda y Alvaro Tafur Galvis, en ejercicio de su competencia constitucional y legal, ha proferido la siguiente \u00a0 SENTENCIA \u00a0 en el proceso de revisi\u00f3n de los fallos adoptados por las ...<br \/><div class=\"pt-cv-rmwrap\"><a href=\"https:\/\/www.dmsjuridica.com\/buscador_20179478954\/corteconstitucionalcronologico202454587\/t-1255-05\/\" class=\"_self pt-cv-readmore btn btn-success\" target=\"_self\">Ver Sentencia Completa...<\/a><\/div><\/div><\/div><\/div>\n<div class=\"col-md-12 col-sm-12 col-xs-12 pt-cv-content-item pt-cv-1-col\" ><div class='pt-cv-ifield'><a href=\"https:\/\/www.dmsjuridica.com\/buscador_20179478954\/corteconstitucionalcronologico202454587\/t-1254-05\/\" class=\"_self pt-cv-href-thumbnail pt-cv-thumb-default\" target=\"_self\" ><\/a>\n<div class=\"pt-cv-taxoterm above_title\"><a href='https:\/\/www.dmsjuridica.com\/buscador_20179478954\/corteconstitucionalcronologico202454587\/category\/buscar-en-toda-la-corte\/2005\/tutelas-2005\/' title='Tutelas 2005' class='pt-cv-tax-tutelas-2005'>Tutelas 2005<\/a><\/div>\n<h4 class=\"pt-cv-title\"><a href=\"https:\/\/www.dmsjuridica.com\/buscador_20179478954\/corteconstitucionalcronologico202454587\/t-1254-05\/\" class=\"_self\" target=\"_self\" >T-1254-05<\/a><\/h4>\n<div class=\"pt-cv-content\">\u00a0 \u00a0 Sentencia T-1254\/05 \u00a0 ACCION DE TUTELA-Procedencia excepcional para suministro de medicamentos, ex\u00e1menes o procedimientos excluidos del POS\/DERECHO A LA SALUD DEL NI\u00d1O-Fundamental prevalente\/DERECHO A LA SALUD DEL NI\u00d1O-Autorizaci\u00f3n \u00a0por EPS de la segunda fase del tratamiento odontopedi\u00e1trico \u00a0 Referencia: expediente T-1178649 \u00a0 Acci\u00f3n de tutela instaurada por Ana Cecilia Saldarriaga Gaviria en nombre y representaci\u00f3n de su menor hija Elizabeth Cardona Saldarriaga contra SUSALUD E.P.S. \u00a0 Magistrado Ponente: \u00a0 Dr. ALVARO TAFUR GALVIS \u00a0 Bogot\u00e1, D. C., cinco (5) de diciembre de dos mil cinco (2005). \u00a0 La Sala Octava de Revisi\u00f3n de la Corte Constitucional, integrada por ...<br \/><div class=\"pt-cv-rmwrap\"><a href=\"https:\/\/www.dmsjuridica.com\/buscador_20179478954\/corteconstitucionalcronologico202454587\/t-1254-05\/\" class=\"_self pt-cv-readmore btn btn-success\" target=\"_self\">Ver Sentencia Completa...<\/a><\/div><\/div><\/div><\/div>\n<div class=\"col-md-12 col-sm-12 col-xs-12 pt-cv-content-item pt-cv-1-col\" ><div class='pt-cv-ifield'><a href=\"https:\/\/www.dmsjuridica.com\/buscador_20179478954\/corteconstitucionalcronologico202454587\/t-1253-05\/\" class=\"_self pt-cv-href-thumbnail pt-cv-thumb-default\" target=\"_self\" ><\/a>\n<div class=\"pt-cv-taxoterm above_title\"><a href='https:\/\/www.dmsjuridica.com\/buscador_20179478954\/corteconstitucionalcronologico202454587\/category\/buscar-en-toda-la-corte\/2005\/tutelas-2005\/' title='Tutelas 2005' class='pt-cv-tax-tutelas-2005'>Tutelas 2005<\/a><\/div>\n<h4 class=\"pt-cv-title\"><a href=\"https:\/\/www.dmsjuridica.com\/buscador_20179478954\/corteconstitucionalcronologico202454587\/t-1253-05\/\" class=\"_self\" target=\"_self\" >T-1253-05<\/a><\/h4>\n<div class=\"pt-cv-content\">\u00a0 \u00a0 Sentencia T-1253\/05 \u00a0 CONVENCION COLECTIVA-Concepto\/CONVENCION COLECTIVA-Naturaleza jur\u00eddica\/CONVENCION COLECTIVA-Fuente formal del derecho \u00a0 ACCION DE TUTELA CONTRA PROVIDENCIAS JUDICIALES-Inexistencia de v\u00eda de hecho \u00a0 Referencia: expediente T-1172440 \u00a0 Acci\u00f3n de tutela instaurada por Bernardo Bol\u00edvar Bola\u00f1os Bedoya contra el Juzgado Segundo Laboral del Circuito de Pasto y la Sala de Decisi\u00f3n Laboral del Tribunal Superior de Pasto. \u00a0 Magistrado Ponente: \u00a0 Dr. ALVARO TAFUR GALVIS \u00a0 Bogot\u00e1, D. C., cinco (5) de diciembre de dos mil cinco (2005). \u00a0 La Sala Octava de Revisi\u00f3n de la Corte Constitucional, integrada por los magistrados Clara In\u00e9s Vargas Hern\u00e1ndez, Jaime Ara\u00fajo Renter\u00eda ...<br \/><div class=\"pt-cv-rmwrap\"><a href=\"https:\/\/www.dmsjuridica.com\/buscador_20179478954\/corteconstitucionalcronologico202454587\/t-1253-05\/\" class=\"_self pt-cv-readmore btn btn-success\" target=\"_self\">Ver Sentencia Completa...<\/a><\/div><\/div><\/div><\/div>\n<div class=\"col-md-12 col-sm-12 col-xs-12 pt-cv-content-item pt-cv-1-col\" ><div class='pt-cv-ifield'><a href=\"https:\/\/www.dmsjuridica.com\/buscador_20179478954\/corteconstitucionalcronologico202454587\/t-1252-05\/\" class=\"_self pt-cv-href-thumbnail pt-cv-thumb-default\" target=\"_self\" ><\/a>\n<div class=\"pt-cv-taxoterm above_title\"><a href='https:\/\/www.dmsjuridica.com\/buscador_20179478954\/corteconstitucionalcronologico202454587\/category\/buscar-en-toda-la-corte\/2005\/tutelas-2005\/' title='Tutelas 2005' class='pt-cv-tax-tutelas-2005'>Tutelas 2005<\/a><\/div>\n<h4 class=\"pt-cv-title\"><a href=\"https:\/\/www.dmsjuridica.com\/buscador_20179478954\/corteconstitucionalcronologico202454587\/t-1252-05\/\" class=\"_self\" target=\"_self\" >T-1252-05<\/a><\/h4>\n<div class=\"pt-cv-content\">\u00a0 \u00a0 Sentencia T-1252\/05 \u00a0 JUEZ ADMINISTRATIVO-Constitucionalidad y legalidad de actuaciones de empresas de servicios p\u00fablicos domiciliarios\/ACCION DE TUTELA CONTRA EMPRESA DE SERVICIOS PUBLICOS DOMICILIARIOS-Procedencia excepcional \u00a0 La regla general es que la constitucionalidad y legalidad de las actuaciones de las empresas de servicios p\u00fablicos domiciliarios est\u00e1n sometidas al escrutinio del juez administrativo mediante el ejercicio de las acciones de nulidad o de nulidad y restablecimiento del derecho, seg\u00fan las circunstancias. De esta manera, existiendo otro medio de defensa judicial id\u00f3neo, la tutela en principio es improcedente para controvertir los actos de las empresas de servicios p\u00fablicos domiciliarios, inclusive aquellos ...<br \/><div class=\"pt-cv-rmwrap\"><a href=\"https:\/\/www.dmsjuridica.com\/buscador_20179478954\/corteconstitucionalcronologico202454587\/t-1252-05\/\" class=\"_self pt-cv-readmore btn btn-success\" target=\"_self\">Ver Sentencia Completa...<\/a><\/div><\/div><\/div><\/div>\n<div class=\"col-md-12 col-sm-12 col-xs-12 pt-cv-content-item pt-cv-1-col\" ><div class='pt-cv-ifield'><a href=\"https:\/\/www.dmsjuridica.com\/buscador_20179478954\/corteconstitucionalcronologico202454587\/t-1251-05\/\" class=\"_self pt-cv-href-thumbnail pt-cv-thumb-default\" target=\"_self\" ><\/a>\n<div class=\"pt-cv-taxoterm above_title\"><a href='https:\/\/www.dmsjuridica.com\/buscador_20179478954\/corteconstitucionalcronologico202454587\/category\/buscar-en-toda-la-corte\/2005\/tutelas-2005\/' title='Tutelas 2005' class='pt-cv-tax-tutelas-2005'>Tutelas 2005<\/a><\/div>\n<h4 class=\"pt-cv-title\"><a href=\"https:\/\/www.dmsjuridica.com\/buscador_20179478954\/corteconstitucionalcronologico202454587\/t-1251-05\/\" class=\"_self\" target=\"_self\" >T-1251-05<\/a><\/h4>\n<div class=\"pt-cv-content\">\u00a0 \u00a0 Sentencia T-1251\/05 \u00a0 SEGURIDAD SOCIAL-Naturaleza\/PENSION DE INVALIDEZ-Condiciones para acceder a ella\/PENSION DE INVALIDEZ-Procedencia excepcional por tutela cuando toma el car\u00e1cter de fundamental por conexidad \u00a0 Cuando el derecho al reconocimiento y pago de la pensi\u00f3n de invalidez toma el car\u00e1cter de fundamental por conexidad con derechos como la vida, la salud y el trabajo, es susceptible de protecci\u00f3n a trav\u00e9s de la acci\u00f3n de tutela, siempre y cuando se den los presupuestos para acceder a esa prestaci\u00f3n. El juez de tutela deber\u00e1 examinar, al momento de determinar si una acci\u00f3n de tutela es procedente para obtener el reconocimiento ...<br \/><div class=\"pt-cv-rmwrap\"><a href=\"https:\/\/www.dmsjuridica.com\/buscador_20179478954\/corteconstitucionalcronologico202454587\/t-1251-05\/\" class=\"_self pt-cv-readmore btn btn-success\" target=\"_self\">Ver Sentencia Completa...<\/a><\/div><\/div><\/div><\/div>\n<div class=\"col-md-12 col-sm-12 col-xs-12 pt-cv-content-item pt-cv-1-col\" ><div class='pt-cv-ifield'><a href=\"https:\/\/www.dmsjuridica.com\/buscador_20179478954\/corteconstitucionalcronologico202454587\/t-1250-05\/\" class=\"_self pt-cv-href-thumbnail pt-cv-thumb-default\" target=\"_self\" ><\/a>\n<div class=\"pt-cv-taxoterm above_title\"><a href='https:\/\/www.dmsjuridica.com\/buscador_20179478954\/corteconstitucionalcronologico202454587\/category\/buscar-en-toda-la-corte\/2005\/tutelas-2005\/' title='Tutelas 2005' class='pt-cv-tax-tutelas-2005'>Tutelas 2005<\/a><\/div>\n<h4 class=\"pt-cv-title\"><a href=\"https:\/\/www.dmsjuridica.com\/buscador_20179478954\/corteconstitucionalcronologico202454587\/t-1250-05\/\" class=\"_self\" target=\"_self\" >T-1250-05<\/a><\/h4>\n<div class=\"pt-cv-content\">\u00a0 \u00a0 Sentencia T-1250\/05 \u00a0 MEDIO DE DEFENSA JUDICIAL INEXISTENTE-Procedencia de tutela \u00a0 PRINCIPIO DE LA BUENA FE-Alcance\/ACTO PROPIO-Respeto \u00a0 FONDO NACIONAL DEL AHORRO-Deber de informar a usuarios la redenominaci\u00f3n de cr\u00e9ditos hipotecarios\/FONDO NACIONAL DEL AHORRO-Abuso de posici\u00f3n dominante\/FONDO NACIONAL DEL AHORRO-Modificaci\u00f3n unilateral de lo inicialmente pactado en el cr\u00e9dito \u00a0 Referencia: expediente T-1169314 \u00a0 Acci\u00f3n de tutela instaurada por Flor Ligia Cantor Tauta contra el Fondo Nacional del Ahorro \u00a0 Magistrado Ponente: \u00a0 Dr. ALVARO TAFUR GALVIS \u00a0 \u00a0 Bogot\u00e1 D. C., cinco (5) de diciembre de dos mil cinco ( 2005).\u00a0 \u00a0 La Sala Octava de Revisi\u00f3n de ...<br \/><div class=\"pt-cv-rmwrap\"><a href=\"https:\/\/www.dmsjuridica.com\/buscador_20179478954\/corteconstitucionalcronologico202454587\/t-1250-05\/\" class=\"_self pt-cv-readmore btn btn-success\" target=\"_self\">Ver Sentencia Completa...<\/a><\/div><\/div><\/div><\/div>\n<div class=\"col-md-12 col-sm-12 col-xs-12 pt-cv-content-item pt-cv-1-col\" ><div class='pt-cv-ifield'><a href=\"https:\/\/www.dmsjuridica.com\/buscador_20179478954\/corteconstitucionalcronologico202454587\/t-125-05\/\" class=\"_self pt-cv-href-thumbnail pt-cv-thumb-default\" target=\"_self\" ><\/a>\n<div class=\"pt-cv-taxoterm above_title\"><a href='https:\/\/www.dmsjuridica.com\/buscador_20179478954\/corteconstitucionalcronologico202454587\/category\/buscar-en-toda-la-corte\/2005\/tutelas-2005\/' title='Tutelas 2005' class='pt-cv-tax-tutelas-2005'>Tutelas 2005<\/a><\/div>\n<h4 class=\"pt-cv-title\"><a href=\"https:\/\/www.dmsjuridica.com\/buscador_20179478954\/corteconstitucionalcronologico202454587\/t-125-05\/\" class=\"_self\" target=\"_self\" >T-125-05<\/a><\/h4>\n<div class=\"pt-cv-content\">\u00a0 \u00a0 Sentencia T-125\/05 \u00a0 SERVICIO PUBLICO DE SALUD-Responsabilidad del Estado \u00a0 La atenci\u00f3n en salud es una tarea program\u00e1tica de car\u00e1cter social a cargo del Estado y de los asociados, quienes tienen la misi\u00f3n constitucional de establecer un sistema de seguridad y atenci\u00f3n integral que permita a todos los ciudadanos acceder a los servicios de salud, por lo que las entidades promotoras e instituciones de salud no pueden demorar la definici\u00f3n de la pr\u00e1ctica de procedimientos m\u00e9dicos o anteponer problemas administrativos, contractuales, econ\u00f3micos, o disposiciones de car\u00e1cter legal para negar alguno de aquellos, \u201c(\u2026) pues con ello se estar\u00eda ...<br \/><div class=\"pt-cv-rmwrap\"><a href=\"https:\/\/www.dmsjuridica.com\/buscador_20179478954\/corteconstitucionalcronologico202454587\/t-125-05\/\" class=\"_self pt-cv-readmore btn btn-success\" target=\"_self\">Ver Sentencia Completa...<\/a><\/div><\/div><\/div><\/div>\n<div class=\"col-md-12 col-sm-12 col-xs-12 pt-cv-content-item pt-cv-1-col\" ><div class='pt-cv-ifield'><a href=\"https:\/\/www.dmsjuridica.com\/buscador_20179478954\/corteconstitucionalcronologico202454587\/t-1249-05\/\" class=\"_self pt-cv-href-thumbnail pt-cv-thumb-default\" target=\"_self\" ><\/a>\n<div class=\"pt-cv-taxoterm above_title\"><a href='https:\/\/www.dmsjuridica.com\/buscador_20179478954\/corteconstitucionalcronologico202454587\/category\/buscar-en-toda-la-corte\/2005\/tutelas-2005\/' title='Tutelas 2005' class='pt-cv-tax-tutelas-2005'>Tutelas 2005<\/a><\/div>\n<h4 class=\"pt-cv-title\"><a href=\"https:\/\/www.dmsjuridica.com\/buscador_20179478954\/corteconstitucionalcronologico202454587\/t-1249-05\/\" class=\"_self\" target=\"_self\" >T-1249-05<\/a><\/h4>\n<div class=\"pt-cv-content\">\u00a0 \u00a0 Sentencia T-1249\/05 \u00a0 ACCION DE TUTELA-Procedencia excepcional para suministro de medicamentos, ex\u00e1menes o procedimientos excluidos del POS\/DERECHO A LA SALUD Y A LA VIDA DE PERSONA DE LA TERCERA EDAD-Suministro de medicamentos para la artritis \u00a0 Referencia: expediente T-1162703 \u00a0 Acci\u00f3n de tutela instaurada por Gladys Graciela G\u00f3mez de Cotes contra COOMEVA E.P.S. \u00a0 Magistrado Ponente: \u00a0 Dr. ALVARO TAFUR GALVIS \u00a0 Bogot\u00e1, D. C., cinco (5) de diciembre de dos mil cinco (2005). \u00a0 La Sala Octava de Revisi\u00f3n de la Corte Constitucional, integrada por los magistrados Clara In\u00e9s Vargas Hern\u00e1ndez, Jaime Ara\u00fajo Renter\u00eda y \u00c1lvaro Tafur ...<br \/><div class=\"pt-cv-rmwrap\"><a href=\"https:\/\/www.dmsjuridica.com\/buscador_20179478954\/corteconstitucionalcronologico202454587\/t-1249-05\/\" class=\"_self pt-cv-readmore btn btn-success\" target=\"_self\">Ver Sentencia Completa...<\/a><\/div><\/div><\/div><\/div>\n<div class=\"col-md-12 col-sm-12 col-xs-12 pt-cv-content-item pt-cv-1-col\" ><div class='pt-cv-ifield'><a href=\"https:\/\/www.dmsjuridica.com\/buscador_20179478954\/corteconstitucionalcronologico202454587\/t-1248-05\/\" class=\"_self pt-cv-href-thumbnail pt-cv-thumb-default\" target=\"_self\" ><\/a>\n<div class=\"pt-cv-taxoterm above_title\"><a href='https:\/\/www.dmsjuridica.com\/buscador_20179478954\/corteconstitucionalcronologico202454587\/category\/buscar-en-toda-la-corte\/2005\/tutelas-2005\/' title='Tutelas 2005' class='pt-cv-tax-tutelas-2005'>Tutelas 2005<\/a><\/div>\n<h4 class=\"pt-cv-title\"><a href=\"https:\/\/www.dmsjuridica.com\/buscador_20179478954\/corteconstitucionalcronologico202454587\/t-1248-05\/\" class=\"_self\" target=\"_self\" >T-1248-05<\/a><\/h4>\n<div class=\"pt-cv-content\">\u00a0 \u00a0 Sentencia T-1248\/05 \u00a0 EMPLEOS DE CARRERA-Regla general y excepciones\/EMPLEOS DE CARRERA-Nombramientos en provisionalidad \u00a0 la desvinculaci\u00f3n de los empleados que ocupan un cargo de carrera debe ser precedida de un acto motivado. La administraci\u00f3n debe motivar el acto con el fin de garantizar el debido proceso y hacer efectiva la posibilidad de atacarlo ante la jurisdicci\u00f3n de lo contencioso administrativo. Igualmente, la jurisprudencia ha manifestado que el deber de motivar las decisiones, mediante las cuales se declara la insubsistencia de un nombramiento de carrera, se extiende a aquellos casos en los que la persona desvinculada estuviere ocupando el ...<br \/><div class=\"pt-cv-rmwrap\"><a href=\"https:\/\/www.dmsjuridica.com\/buscador_20179478954\/corteconstitucionalcronologico202454587\/t-1248-05\/\" class=\"_self pt-cv-readmore btn btn-success\" target=\"_self\">Ver Sentencia Completa...<\/a><\/div><\/div><\/div><\/div>\n<div class=\"col-md-12 col-sm-12 col-xs-12 pt-cv-content-item pt-cv-1-col\" ><div class='pt-cv-ifield'><a href=\"https:\/\/www.dmsjuridica.com\/buscador_20179478954\/corteconstitucionalcronologico202454587\/t-1247-05\/\" class=\"_self pt-cv-href-thumbnail pt-cv-thumb-default\" target=\"_self\" ><\/a>\n<div class=\"pt-cv-taxoterm above_title\"><a href='https:\/\/www.dmsjuridica.com\/buscador_20179478954\/corteconstitucionalcronologico202454587\/category\/buscar-en-toda-la-corte\/2005\/tutelas-2005\/' title='Tutelas 2005' class='pt-cv-tax-tutelas-2005'>Tutelas 2005<\/a><\/div>\n<h4 class=\"pt-cv-title\"><a href=\"https:\/\/www.dmsjuridica.com\/buscador_20179478954\/corteconstitucionalcronologico202454587\/t-1247-05\/\" class=\"_self\" target=\"_self\" >T-1247-05<\/a><\/h4>\n<div class=\"pt-cv-content\">\u00a0 \u00a0 Sentencia T-1247\/05 \u00a0 ACCION DE TUTELA CONTRA PROVIDENCIAS JUDICIALES-Procedencia excepcional por v\u00eda de hecho\/PRINCIPIO DE CONGRUENCIA-Finalidad\/PRINCIPIO DE CONGRUENCIA-Inobservancia \u00a0 VIA DE HECHO-Falta de motivaci\u00f3n sobre las pretensiones de la demanda \u00a0 Se materializa un defecto por falta de motivaci\u00f3n, porque la decisi\u00f3n de denegar la pretensi\u00f3n de la actora, carece de una motivaci\u00f3n pertinente, como quiera que la precaria argumentaci\u00f3n del juez se orienta a establecer algo distinto de aquello que era objeto de debate. La falta de pronunciamiento en la sentencia atacada sobre un aspecto decisivo y fundamental, desconoce el principio de congruencia establecido en el art\u00edculo ...<br \/><div class=\"pt-cv-rmwrap\"><a href=\"https:\/\/www.dmsjuridica.com\/buscador_20179478954\/corteconstitucionalcronologico202454587\/t-1247-05\/\" class=\"_self pt-cv-readmore btn btn-success\" target=\"_self\">Ver Sentencia Completa...<\/a><\/div><\/div><\/div><\/div>\n<div class=\"col-md-12 col-sm-12 col-xs-12 pt-cv-content-item pt-cv-1-col\" ><div class='pt-cv-ifield'><a href=\"https:\/\/www.dmsjuridica.com\/buscador_20179478954\/corteconstitucionalcronologico202454587\/t-1246-05\/\" class=\"_self pt-cv-href-thumbnail pt-cv-thumb-default\" target=\"_self\" ><\/a>\n<div class=\"pt-cv-taxoterm above_title\"><a href='https:\/\/www.dmsjuridica.com\/buscador_20179478954\/corteconstitucionalcronologico202454587\/category\/buscar-en-toda-la-corte\/2005\/tutelas-2005\/' title='Tutelas 2005' class='pt-cv-tax-tutelas-2005'>Tutelas 2005<\/a><\/div>\n<h4 class=\"pt-cv-title\"><a href=\"https:\/\/www.dmsjuridica.com\/buscador_20179478954\/corteconstitucionalcronologico202454587\/t-1246-05\/\" class=\"_self\" target=\"_self\" >T-1246-05<\/a><\/h4>\n<div class=\"pt-cv-content\">\u00a0 \u00a0 Sentencia T-1246\/05 \u00a0 AGENCIA OFICIOSA EN TUTELA-Requisitos\/AGENCIA OFICIOSA EN TUTELA-No se cumplieron los requisitos exigidos\/ACCION DE TUTELA-Hecho superado por reconocimiento de pensi\u00f3n de sobrevivientes \u00a0 Referencia: expediente T-1160411 \u00a0 Peticionario: Ra\u00fal Alberto Ortega como agente oficioso de Shirley Ortiz Calero \u00a0 Accionado: Seguro Social Seccional Valle \u00a0 Magistrado Ponente: \u00a0 Dr. MARCO GERARDO MONROY CABRA \u00a0 Bogot\u00e1, D. C., primero (1\u00b0) de diciembre de dos mil cinco (2005) \u00a0 La Sala Sexta de Revisi\u00f3n de la Corte Constitucional, integrada por los Magistrados Humberto Antonio Sierra Porto, \u00c1lvaro Tafur Galvis y Marco Gerardo Monroy Cabra, quien la preside, en ...<br \/><div class=\"pt-cv-rmwrap\"><a href=\"https:\/\/www.dmsjuridica.com\/buscador_20179478954\/corteconstitucionalcronologico202454587\/t-1246-05\/\" class=\"_self pt-cv-readmore btn btn-success\" target=\"_self\">Ver Sentencia Completa...<\/a><\/div><\/div><\/div><\/div>\n<div class=\"col-md-12 col-sm-12 col-xs-12 pt-cv-content-item pt-cv-1-col\" ><div class='pt-cv-ifield'><a href=\"https:\/\/www.dmsjuridica.com\/buscador_20179478954\/corteconstitucionalcronologico202454587\/t-1245-05\/\" class=\"_self pt-cv-href-thumbnail pt-cv-thumb-default\" target=\"_self\" ><\/a>\n<div class=\"pt-cv-taxoterm above_title\"><a href='https:\/\/www.dmsjuridica.com\/buscador_20179478954\/corteconstitucionalcronologico202454587\/category\/buscar-en-toda-la-corte\/2005\/tutelas-2005\/' title='Tutelas 2005' class='pt-cv-tax-tutelas-2005'>Tutelas 2005<\/a><\/div>\n<h4 class=\"pt-cv-title\"><a href=\"https:\/\/www.dmsjuridica.com\/buscador_20179478954\/corteconstitucionalcronologico202454587\/t-1245-05\/\" class=\"_self\" target=\"_self\" >T-1245-05<\/a><\/h4>\n<div class=\"pt-cv-content\">\u00a0 \u00a0 Sentencia T-1245\/05 \u00a0 DERECHO A LA SALUD DEL NI\u00d1O-Fundamental prevalente \u00a0 ENFERMEDADES CATASTROFICAS O RUINOSAS-Tratamiento de personas de escasos recursos sin cumplir periodo m\u00ednimo de cotizaci\u00f3n\/DERECHO A LA SALUD Y A LA VIDA DEL MENOR-Suministro de medicamentos para quimioterapia por EPS \u00a0 Reiteraci\u00f3n de Jurisprudencia \u00a0 Referencia: expediente T-1199536 \u00a0 Acci\u00f3n de tutela instaurada por Licet Castillo S\u00e1nchez en representaci\u00f3n de su menor hija Marly Liceth Mart\u00ednez Castillo contra la E.P.S. salud Total. \u00a0 Magistrado Ponente: \u00a0 Dr. JAIME ARA\u00daJO RENTER\u00cdA \u00a0 Bogot\u00e1, D. C., Primero (1\u00b0) de diciembre dos mil cinco (2005). \u00a0 La Sala Primera de ...<br \/><div class=\"pt-cv-rmwrap\"><a href=\"https:\/\/www.dmsjuridica.com\/buscador_20179478954\/corteconstitucionalcronologico202454587\/t-1245-05\/\" class=\"_self pt-cv-readmore btn btn-success\" target=\"_self\">Ver Sentencia Completa...<\/a><\/div><\/div><\/div><\/div>\n<div class=\"col-md-12 col-sm-12 col-xs-12 pt-cv-content-item pt-cv-1-col\" ><div class='pt-cv-ifield'><a href=\"https:\/\/www.dmsjuridica.com\/buscador_20179478954\/corteconstitucionalcronologico202454587\/t-1244-05\/\" class=\"_self pt-cv-href-thumbnail pt-cv-thumb-default\" target=\"_self\" ><\/a>\n<div class=\"pt-cv-taxoterm above_title\"><a href='https:\/\/www.dmsjuridica.com\/buscador_20179478954\/corteconstitucionalcronologico202454587\/category\/buscar-en-toda-la-corte\/2005\/tutelas-2005\/' title='Tutelas 2005' class='pt-cv-tax-tutelas-2005'>Tutelas 2005<\/a><\/div>\n<h4 class=\"pt-cv-title\"><a href=\"https:\/\/www.dmsjuridica.com\/buscador_20179478954\/corteconstitucionalcronologico202454587\/t-1244-05\/\" class=\"_self\" target=\"_self\" >T-1244-05<\/a><\/h4>\n<div class=\"pt-cv-content\">\u00a0 \u00a0 Sentencia T-1244\/05 \u00a0 DERECHO A LA ESTABILIDAD LABORAL REFORZADA DE MUJER EMBARAZADA-Elementos f\u00e1cticos que deben demostrarse \u00a0 ACCION DE TUTELA TRANSITORIA DE MUJER EMBARAZADA-Improcedencia por falta de conocimiento del embarazo por la entidad demandada \u00a0 ACCION DE TUTELA TRANSITORIA-Derecho del reci\u00e9n nacido a acceder a los servicios de salud \u00a0 Referencia: expediente T-1168913 \u00a0 Magistrado Ponente: \u00a0 Dr. MANUEL JOS\u00c9 CEPEDA ESPINOSA \u00a0 Bogot\u00e1, D. C., dos (2) de diciembre de dos mil cinco (2005) \u00a0 La Sala Tercera de Revisi\u00f3n de la Corte Constitucional, integrada por los magistrados, Manuel Jos\u00e9 Cepeda Espinosa, Jaime C\u00f3rdoba Trivi\u00f1o y Rodrigo ...<br \/><div class=\"pt-cv-rmwrap\"><a href=\"https:\/\/www.dmsjuridica.com\/buscador_20179478954\/corteconstitucionalcronologico202454587\/t-1244-05\/\" class=\"_self pt-cv-readmore btn btn-success\" target=\"_self\">Ver Sentencia Completa...<\/a><\/div><\/div><\/div><\/div>\n<div class=\"col-md-12 col-sm-12 col-xs-12 pt-cv-content-item pt-cv-1-col\" ><div class='pt-cv-ifield'><a href=\"https:\/\/www.dmsjuridica.com\/buscador_20179478954\/corteconstitucionalcronologico202454587\/t-1243-05\/\" class=\"_self pt-cv-href-thumbnail pt-cv-thumb-default\" target=\"_self\" ><\/a>\n<div class=\"pt-cv-taxoterm above_title\"><a href='https:\/\/www.dmsjuridica.com\/buscador_20179478954\/corteconstitucionalcronologico202454587\/category\/buscar-en-toda-la-corte\/2005\/tutelas-2005\/' title='Tutelas 2005' class='pt-cv-tax-tutelas-2005'>Tutelas 2005<\/a><\/div>\n<h4 class=\"pt-cv-title\"><a href=\"https:\/\/www.dmsjuridica.com\/buscador_20179478954\/corteconstitucionalcronologico202454587\/t-1243-05\/\" class=\"_self\" target=\"_self\" >T-1243-05<\/a><\/h4>\n<div class=\"pt-cv-content\">\u00a0 \u00a0 Sentencia T-1243\/05 \u00a0 LICENCIA DE MATERNIDAD-Reglas para reconocimiento y pago\/LICENCIA DE MATERNIDAD-Caso en que se ha presentado interrupci\u00f3n de d\u00edas de cotizaci\u00f3n \u00a0 LICENCIA DE MATERNIDAD-Excepci\u00f3n de no exigir el pago completo e interrumpido de semanas cotizadas\/LICENCIA DE MATERNIDAD-Vulneraci\u00f3n del m\u00ednimo vital de la madre y su hijo\u00a0 \u00a0 Reiteraci\u00f3n de Jurisprudencia \u00a0 Referencia: expediente T-1173808 \u00a0 Acci\u00f3n de tutela instaurada por Aracelys Olave Charris contra Famisanar EPS, Confitecol y Enlace Empresarial1.\u00a0 \u00a0 Magistrado Ponente \u00a0 Dr. MANUEL JOS\u00c9 CEPEDA ESPINOSA \u00a0 Bogot\u00e1 D. C., dos (2) d\u00edas de diciembre de dos mil cinco (2005).\u00a0 \u00a0 Teniendo en ...<br \/><div class=\"pt-cv-rmwrap\"><a href=\"https:\/\/www.dmsjuridica.com\/buscador_20179478954\/corteconstitucionalcronologico202454587\/t-1243-05\/\" class=\"_self pt-cv-readmore btn btn-success\" target=\"_self\">Ver Sentencia Completa...<\/a><\/div><\/div><\/div><\/div>\n<div class=\"col-md-12 col-sm-12 col-xs-12 pt-cv-content-item pt-cv-1-col\" ><div class='pt-cv-ifield'><a href=\"https:\/\/www.dmsjuridica.com\/buscador_20179478954\/corteconstitucionalcronologico202454587\/t-1242-05\/\" class=\"_self pt-cv-href-thumbnail pt-cv-thumb-default\" target=\"_self\" ><\/a>\n<div class=\"pt-cv-taxoterm above_title\"><a href='https:\/\/www.dmsjuridica.com\/buscador_20179478954\/corteconstitucionalcronologico202454587\/category\/buscar-en-toda-la-corte\/2005\/tutelas-2005\/' title='Tutelas 2005' class='pt-cv-tax-tutelas-2005'>Tutelas 2005<\/a><\/div>\n<h4 class=\"pt-cv-title\"><a href=\"https:\/\/www.dmsjuridica.com\/buscador_20179478954\/corteconstitucionalcronologico202454587\/t-1242-05\/\" class=\"_self\" target=\"_self\" >T-1242-05<\/a><\/h4>\n<div class=\"pt-cv-content\">\u00a0 \u00a0 Sentencia T-1242\/05 \u00a0 DERECHO A LA SALUD-Fundamental por conexidad con la vida\/DERECHO A LA SALUD Y A LA VIDA-Atenci\u00f3n m\u00e9dica y suministro de medicamentos de quien result\u00f3 lesionado con ocasi\u00f3n del servicio militar\/MINISTERIO DE DEFENSA NACIONAL-Atenci\u00f3n m\u00e9dica y suministro de medicamentos de quien result\u00f3 lesionado con ocasi\u00f3n del servicio militar \u00a0 Referencia: expediente T-1211483 \u00a0 Acci\u00f3n de tutela instaurada por Alexander Mu\u00f1oz Jim\u00e9nez, contra el Ministerio de Defensa Nacional y el \u00a0Ej\u00e9rcito Nacional. \u00a0 Procedencia: Tribunal Administrativo del Meta \u00a0 Magistrado Ponente: \u00a0 \u00a0Dr. ALFREDO BELTRAN SIERRA \u00a0 Bogot\u00e1, primero (1) de diciembre de dos mil cinco (2005) ...<br \/><div class=\"pt-cv-rmwrap\"><a href=\"https:\/\/www.dmsjuridica.com\/buscador_20179478954\/corteconstitucionalcronologico202454587\/t-1242-05\/\" class=\"_self pt-cv-readmore btn btn-success\" target=\"_self\">Ver Sentencia Completa...<\/a><\/div><\/div><\/div><\/div>\n<div class=\"col-md-12 col-sm-12 col-xs-12 pt-cv-content-item pt-cv-1-col\" ><div class='pt-cv-ifield'><a href=\"https:\/\/www.dmsjuridica.com\/buscador_20179478954\/corteconstitucionalcronologico202454587\/t-1241-05\/\" class=\"_self pt-cv-href-thumbnail pt-cv-thumb-default\" target=\"_self\" ><\/a>\n<div class=\"pt-cv-taxoterm above_title\"><a href='https:\/\/www.dmsjuridica.com\/buscador_20179478954\/corteconstitucionalcronologico202454587\/category\/buscar-en-toda-la-corte\/2005\/tutelas-2005\/' title='Tutelas 2005' class='pt-cv-tax-tutelas-2005'>Tutelas 2005<\/a><\/div>\n<h4 class=\"pt-cv-title\"><a href=\"https:\/\/www.dmsjuridica.com\/buscador_20179478954\/corteconstitucionalcronologico202454587\/t-1241-05\/\" class=\"_self\" target=\"_self\" >T-1241-05<\/a><\/h4>\n<div class=\"pt-cv-content\">\u00a0 \u00a0 Sentencia T-1241\/05 \u00a0 LICENCIA DE MATERNIDAD-Procedencia excepcional de tutela para el pago\/LICENCIA DE MATERNIDAD-Pago por allanamiento a la mora por EPS\/LICENCIA DE MATERNIDAD-No se cumpli\u00f3 el requisito del periodo m\u00ednimo de cotizaci\u00f3n\/LICENCIA DE MATERNIDAD-Cotizaci\u00f3n de periodo igual al de gestaci\u00f3n para tener derecho al pago \u00a0 Acciones de tutela de Nanci Giraldo Jaramillo, en contra de Comfenalco EPS, Martha Lucia Estevez Mar\u00edn en contra de Saludcoop EPS y Dilia Esther Rosales Llanos contra Salud Total EPS. \u00a0 Procedencia: Juzgado D\u00e9cimo Penal Municipal de Medell\u00edn, Juzgado Segundo Civil Municipal de Bucaramanga y Juzgado Octavo Penal Municipal del Barranquilla. \u00a0 ...<br \/><div class=\"pt-cv-rmwrap\"><a href=\"https:\/\/www.dmsjuridica.com\/buscador_20179478954\/corteconstitucionalcronologico202454587\/t-1241-05\/\" class=\"_self pt-cv-readmore btn btn-success\" target=\"_self\">Ver Sentencia Completa...<\/a><\/div><\/div><\/div><\/div>\n<div class=\"col-md-12 col-sm-12 col-xs-12 pt-cv-content-item pt-cv-1-col\" ><div class='pt-cv-ifield'><a href=\"https:\/\/www.dmsjuridica.com\/buscador_20179478954\/corteconstitucionalcronologico202454587\/t-1240-05\/\" class=\"_self pt-cv-href-thumbnail pt-cv-thumb-default\" target=\"_self\" ><\/a>\n<div class=\"pt-cv-taxoterm above_title\"><a href='https:\/\/www.dmsjuridica.com\/buscador_20179478954\/corteconstitucionalcronologico202454587\/category\/buscar-en-toda-la-corte\/2005\/tutelas-2005\/' title='Tutelas 2005' class='pt-cv-tax-tutelas-2005'>Tutelas 2005<\/a><\/div>\n<h4 class=\"pt-cv-title\"><a href=\"https:\/\/www.dmsjuridica.com\/buscador_20179478954\/corteconstitucionalcronologico202454587\/t-1240-05\/\" class=\"_self\" target=\"_self\" >T-1240-05<\/a><\/h4>\n<div class=\"pt-cv-content\">\u00a0 \u00a0 Sentencia T-1240\/05 \u00a0 DERECHO A LA ESTABILIDAD LABORAL REFORZADA DE MUJER EMBARAZADA-Elementos f\u00e1cticos que deben demostrarse \u00a0 ACTO ADMINISTRATIVO-Prop\u00f3sitos del permiso previo para terminar el v\u00ednculo laboral de trabajadora embarazada\/DERECHO A LA ESTABILIDAD LABORAL REFORZADA DE MUJER EMBARAZADA-No existi\u00f3 autorizaci\u00f3n previa de autoridad administrativa para terminar el v\u00ednculo laboral \u00a0 El acto administrativo previo en que conste el permiso para terminar el v\u00ednculo laboral lleva consigo dos prop\u00f3sitos: (i) que sea la autoridad administrativa la que califique previamente las circunstancias legales en que se produce la desvinculaci\u00f3n de la trabajadora en estado de gravidez. Es decir que, en ...<br \/><div class=\"pt-cv-rmwrap\"><a href=\"https:\/\/www.dmsjuridica.com\/buscador_20179478954\/corteconstitucionalcronologico202454587\/t-1240-05\/\" class=\"_self pt-cv-readmore btn btn-success\" target=\"_self\">Ver Sentencia Completa...<\/a><\/div><\/div><\/div><\/div>\n<div class=\"col-md-12 col-sm-12 col-xs-12 pt-cv-content-item pt-cv-1-col\" ><div class='pt-cv-ifield'><a href=\"https:\/\/www.dmsjuridica.com\/buscador_20179478954\/corteconstitucionalcronologico202454587\/t-124-05\/\" class=\"_self pt-cv-href-thumbnail pt-cv-thumb-default\" target=\"_self\" ><\/a>\n<div class=\"pt-cv-taxoterm above_title\"><a href='https:\/\/www.dmsjuridica.com\/buscador_20179478954\/corteconstitucionalcronologico202454587\/category\/buscar-en-toda-la-corte\/2005\/tutelas-2005\/' title='Tutelas 2005' class='pt-cv-tax-tutelas-2005'>Tutelas 2005<\/a><\/div>\n<h4 class=\"pt-cv-title\"><a href=\"https:\/\/www.dmsjuridica.com\/buscador_20179478954\/corteconstitucionalcronologico202454587\/t-124-05\/\" class=\"_self\" target=\"_self\" >T-124-05<\/a><\/h4>\n<div class=\"pt-cv-content\">\u00a0 \u00a0 Sentencia T-124\/05 \u00a0 SERVICIO MILITAR-Responsabilidad del estado en atenci\u00f3n de salud \u00a0 SERVICIO MILITAR-Atenci\u00f3n m\u00e9dica de quien adquiere enfermedad durante su prestaci\u00f3n\/SERVICIO MILITAR-Atenci\u00f3n m\u00e9dica de quien adquiere enfermedad con ocasi\u00f3n a su prestaci\u00f3n pero 30 d\u00edas posteriores al licenciamiento\u00a0 \u00a0 Esta cobertura ampliada de la atenci\u00f3n en salud a cargo del sistema tambi\u00e9n se ha establecido en forma expresa en los supuestos en que aparezcan graves y excepcionales enfermedades dentro de los 30 d\u00edas siguientes al licenciamiento de las personas que han prestado el servicio militar obligatorio.\u00a0 \u00a0 DERECHO A LA SALUD-Protecci\u00f3n de quien prest\u00f3 servicio militar al ...<br \/><div class=\"pt-cv-rmwrap\"><a href=\"https:\/\/www.dmsjuridica.com\/buscador_20179478954\/corteconstitucionalcronologico202454587\/t-124-05\/\" class=\"_self pt-cv-readmore btn btn-success\" target=\"_self\">Ver Sentencia Completa...<\/a><\/div><\/div><\/div><\/div>\n<div class=\"col-md-12 col-sm-12 col-xs-12 pt-cv-content-item pt-cv-1-col\" ><div class='pt-cv-ifield'><a href=\"https:\/\/www.dmsjuridica.com\/buscador_20179478954\/corteconstitucionalcronologico202454587\/t-1239-05\/\" class=\"_self pt-cv-href-thumbnail pt-cv-thumb-default\" target=\"_self\" ><\/a>\n<div class=\"pt-cv-taxoterm above_title\"><a href='https:\/\/www.dmsjuridica.com\/buscador_20179478954\/corteconstitucionalcronologico202454587\/category\/buscar-en-toda-la-corte\/2005\/tutelas-2005\/' title='Tutelas 2005' class='pt-cv-tax-tutelas-2005'>Tutelas 2005<\/a><\/div>\n<h4 class=\"pt-cv-title\"><a href=\"https:\/\/www.dmsjuridica.com\/buscador_20179478954\/corteconstitucionalcronologico202454587\/t-1239-05\/\" class=\"_self\" target=\"_self\" >T-1239-05<\/a><\/h4>\n<div class=\"pt-cv-content\">\u00a0 \u00a0 Sentencia T-1239\/05 \u00a0 FUERO SINDICAL-Protecci\u00f3n por la constituci\u00f3n y convenios internacionales\/FUERO SINDICAL-Finalidad y definici\u00f3n \u00a0 DEBIDO PROCESO-Despido colectivo de trabajadores con fuero sindical con autorizaci\u00f3n judicial \u00a0 En el caso en estudio y seg\u00fan las pruebas que obran en el expediente, se puede confirmar que realmente el actor se encontraba afiliado a la Uni\u00f3n Sindical de Trabajadores de las Comunicaciones (USTC), y a la fecha que se produjo su desvinculaci\u00f3n se encontraba pendiente una negociaci\u00f3n colectiva, sin embargo, su desvinculaci\u00f3n laboral fue consecuencia de la autorizaci\u00f3n de despido colectivo concedida por el Ministerio de Protecci\u00f3n Social seg\u00fan resoluci\u00f3n, ...<br \/><div class=\"pt-cv-rmwrap\"><a href=\"https:\/\/www.dmsjuridica.com\/buscador_20179478954\/corteconstitucionalcronologico202454587\/t-1239-05\/\" class=\"_self pt-cv-readmore btn btn-success\" target=\"_self\">Ver Sentencia Completa...<\/a><\/div><\/div><\/div><\/div>\n<div class=\"col-md-12 col-sm-12 col-xs-12 pt-cv-content-item pt-cv-1-col\" ><div class='pt-cv-ifield'><a href=\"https:\/\/www.dmsjuridica.com\/buscador_20179478954\/corteconstitucionalcronologico202454587\/t-1238-05\/\" class=\"_self pt-cv-href-thumbnail pt-cv-thumb-default\" target=\"_self\" ><\/a>\n<div class=\"pt-cv-taxoterm above_title\"><a href='https:\/\/www.dmsjuridica.com\/buscador_20179478954\/corteconstitucionalcronologico202454587\/category\/buscar-en-toda-la-corte\/2005\/tutelas-2005\/' title='Tutelas 2005' class='pt-cv-tax-tutelas-2005'>Tutelas 2005<\/a><\/div>\n<h4 class=\"pt-cv-title\"><a href=\"https:\/\/www.dmsjuridica.com\/buscador_20179478954\/corteconstitucionalcronologico202454587\/t-1238-05\/\" class=\"_self\" target=\"_self\" >T-1238-05<\/a><\/h4>\n<div class=\"pt-cv-content\">\u00a0 \u00a0 Sentencia T-1238\/05 \u00a0 AGENCIA OFICIOSA EN TUTELA-Padre en representaci\u00f3n de hijo esquizofr\u00e9nico \u00a0 DERECHO A LA SALUD-Fundamental por conexidad con la vida \u00a0 DERECHO A LA SALUD-Razones de tipo legal o contractual no pueden impedir pr\u00e1ctica de tratamiento indispensable para la vida\u00a0 \u00a0 \u00a0 \u00a0 DERECHO A LA SALUD-Requisitos para suministro de medicamentos excluidos del POS\u00a0 \u00a0 MEDICO TRATANTE-Su concepto prevalece cuando se encuentra en contradicci\u00f3n con el de funcionarios de la EPS y el Comit\u00e9 T\u00e9cnico Cient\u00edfico \u00a0 DERECHO A LA SALUD DEL DISMINUIDO PSIQUICO-Afiliado cotizante esquizofr\u00e9nico a quien le fue recetado medicamento excluido del POS\u00a0 \u00a0 ...<br \/><div class=\"pt-cv-rmwrap\"><a href=\"https:\/\/www.dmsjuridica.com\/buscador_20179478954\/corteconstitucionalcronologico202454587\/t-1238-05\/\" class=\"_self pt-cv-readmore btn btn-success\" target=\"_self\">Ver Sentencia Completa...<\/a><\/div><\/div><\/div><\/div>\n<div class=\"col-md-12 col-sm-12 col-xs-12 pt-cv-content-item pt-cv-1-col\" ><div class='pt-cv-ifield'><a href=\"https:\/\/www.dmsjuridica.com\/buscador_20179478954\/corteconstitucionalcronologico202454587\/t-123-05\/\" class=\"_self pt-cv-href-thumbnail pt-cv-thumb-default\" target=\"_self\" ><\/a>\n<div class=\"pt-cv-taxoterm above_title\"><a href='https:\/\/www.dmsjuridica.com\/buscador_20179478954\/corteconstitucionalcronologico202454587\/category\/buscar-en-toda-la-corte\/2005\/tutelas-2005\/' title='Tutelas 2005' class='pt-cv-tax-tutelas-2005'>Tutelas 2005<\/a><\/div>\n<h4 class=\"pt-cv-title\"><a href=\"https:\/\/www.dmsjuridica.com\/buscador_20179478954\/corteconstitucionalcronologico202454587\/t-123-05\/\" class=\"_self\" target=\"_self\" >T-123-05<\/a><\/h4>\n<div class=\"pt-cv-content\">\u00a0 \u00a0 Sentencia T-123\/05 \u00a0 ACCION DE TUTELA-No es el mecanismo para impugnar la legalidad de un acto administrativo\/REINTEGRO AL CARGO-Improcedencia general de tutela \u00a0 ACCION DE TUTELA TRANSITORIA-Existencia de perjuicio irremediable\u00a0 \u00a0 DERECHO A LA ESTABILIDAD LABORAL-No se limita por ocupar cargo de carrera en provisionalidad \u00a0 ACTO ADMINISTRATIVO-Motivaci\u00f3n de la desvinculaci\u00f3n de funcionario que ejerce en provisionalidad cargo de carrera administrativa \u00a0 DEBIDO PROCESO Y DERECHO DE DEFENSA-Vulneraci\u00f3n por no motivar la desvinculaci\u00f3n de funcionaria que ejerce en provisionalidad cargo de carrera administrativa \u00a0 ACCION DE TUTELA TRANSITORIA-Entidad debe motivar el acto administrativo de desvinculaci\u00f3n \u00a0 Referencia: expediente ...<br \/><div class=\"pt-cv-rmwrap\"><a href=\"https:\/\/www.dmsjuridica.com\/buscador_20179478954\/corteconstitucionalcronologico202454587\/t-123-05\/\" class=\"_self pt-cv-readmore btn btn-success\" target=\"_self\">Ver Sentencia Completa...<\/a><\/div><\/div><\/div><\/div>\n<div class=\"col-md-12 col-sm-12 col-xs-12 pt-cv-content-item pt-cv-1-col\" ><div class='pt-cv-ifield'><a href=\"https:\/\/www.dmsjuridica.com\/buscador_20179478954\/corteconstitucionalcronologico202454587\/t-1229-05\/\" class=\"_self pt-cv-href-thumbnail pt-cv-thumb-default\" target=\"_self\" ><\/a>\n<div class=\"pt-cv-taxoterm above_title\"><a href='https:\/\/www.dmsjuridica.com\/buscador_20179478954\/corteconstitucionalcronologico202454587\/category\/buscar-en-toda-la-corte\/2005\/tutelas-2005\/' title='Tutelas 2005' class='pt-cv-tax-tutelas-2005'>Tutelas 2005<\/a><\/div>\n<h4 class=\"pt-cv-title\"><a href=\"https:\/\/www.dmsjuridica.com\/buscador_20179478954\/corteconstitucionalcronologico202454587\/t-1229-05\/\" class=\"_self\" target=\"_self\" >T-1229-05<\/a><\/h4>\n<div class=\"pt-cv-content\">\u00a0 \u00a0 Sentencia T-1229\/05 \u00a0 DERECHO A LA SALUD-Fundamental por conexidad con la vida \u00a0 CONSENTIMIENTO INFORMADO DEL PACIENTE-Importancia \u00a0 Ha considerado esta Corporaci\u00f3n en su jurisprudencia que visto los avances cient\u00edficos y los nuevos procedimientos m\u00e9dico-quir\u00fargicos, as\u00ed como al empleo de nuevos medicamentos y procedimientos cient\u00edficos para solucionar los diferentes problemas de salud y enfermedades que aquejan al ser humano, el derecho constitucional y en particular en lo relacionado con los derechos fundamentales de toda persona, el paciente tiene el derecho a conocer, de manera preferente y de manos de su m\u00e9dico tratante, la informaci\u00f3n concerniente a su enfermedad, ...<br \/><div class=\"pt-cv-rmwrap\"><a href=\"https:\/\/www.dmsjuridica.com\/buscador_20179478954\/corteconstitucionalcronologico202454587\/t-1229-05\/\" class=\"_self pt-cv-readmore btn btn-success\" target=\"_self\">Ver Sentencia Completa...<\/a><\/div><\/div><\/div><\/div>\n<div class=\"col-md-12 col-sm-12 col-xs-12 pt-cv-content-item pt-cv-1-col\" ><div class='pt-cv-ifield'><a href=\"https:\/\/www.dmsjuridica.com\/buscador_20179478954\/corteconstitucionalcronologico202454587\/t-1228-05\/\" class=\"_self pt-cv-href-thumbnail pt-cv-thumb-default\" target=\"_self\" ><\/a>\n<div class=\"pt-cv-taxoterm above_title\"><a href='https:\/\/www.dmsjuridica.com\/buscador_20179478954\/corteconstitucionalcronologico202454587\/category\/buscar-en-toda-la-corte\/2005\/tutelas-2005\/' title='Tutelas 2005' class='pt-cv-tax-tutelas-2005'>Tutelas 2005<\/a><\/div>\n<h4 class=\"pt-cv-title\"><a href=\"https:\/\/www.dmsjuridica.com\/buscador_20179478954\/corteconstitucionalcronologico202454587\/t-1228-05\/\" class=\"_self\" target=\"_self\" >T-1228-05<\/a><\/h4>\n<div class=\"pt-cv-content\">\u00a0 \u00a0 Sentencia T-1228\/05 \u00a0 DERECHO A LA SALUD DE PERSONA DE LA TERCERA EDAD-Alcance \u00a0 DERECHO A LA SALUD-Fundamental respecto de personas de la tercera edad y personas cuya debilidad es manifiesta \u00a0 DERECHO A LA SALUD-Contenido \u00a0 El derecho a la salud consta de dos elementos. . El primero de ellos es que la salud en su dimensi\u00f3n f\u00edsica, mental y social debe ser garantizada en el m\u00e1s alto nivel posible. Por consiguiente, s\u00f3lo podr\u00e1 entenderse acreditado el respeto del derecho a la salud cuando las personas tienen a su alcance los mecanismos adecuados para gozar en condiciones ...<br \/><div class=\"pt-cv-rmwrap\"><a href=\"https:\/\/www.dmsjuridica.com\/buscador_20179478954\/corteconstitucionalcronologico202454587\/t-1228-05\/\" class=\"_self pt-cv-readmore btn btn-success\" target=\"_self\">Ver Sentencia Completa...<\/a><\/div><\/div><\/div><\/div>\n<div class=\"col-md-12 col-sm-12 col-xs-12 pt-cv-content-item pt-cv-1-col\" ><div class='pt-cv-ifield'><a href=\"https:\/\/www.dmsjuridica.com\/buscador_20179478954\/corteconstitucionalcronologico202454587\/t-1227-05\/\" class=\"_self pt-cv-href-thumbnail pt-cv-thumb-default\" target=\"_self\" ><\/a>\n<div class=\"pt-cv-taxoterm above_title\"><a href='https:\/\/www.dmsjuridica.com\/buscador_20179478954\/corteconstitucionalcronologico202454587\/category\/buscar-en-toda-la-corte\/2005\/tutelas-2005\/' title='Tutelas 2005' class='pt-cv-tax-tutelas-2005'>Tutelas 2005<\/a><\/div>\n<h4 class=\"pt-cv-title\"><a href=\"https:\/\/www.dmsjuridica.com\/buscador_20179478954\/corteconstitucionalcronologico202454587\/t-1227-05\/\" class=\"_self\" target=\"_self\" >T-1227-05<\/a><\/h4>\n<div class=\"pt-cv-content\">ACCION DE TUTELA-Protecci\u00f3n a la educaci\u00f3n en caso de incumplimiento en el pago de pensiones y matr\u00edculas\u00a0 \u00a0 Con fundamento en la calidad de derecho constitucional que ostenta la educaci\u00f3n, existen algunas conductas que vulneran las garant\u00edas inherentes al mismo y en consecuencia, han sido objeto de an\u00e1lisis en la jurisdicci\u00f3n constitucional. As\u00ed, ha sido reiterado por esta Corporaci\u00f3n que es una violaci\u00f3n del derecho a la educaci\u00f3n, la negativa de entregar documentos que son resultado de una labor acad\u00e9mica para asegurar el cumplimiento del contrato de prestaci\u00f3n de servicios educativos. Lo anterior, por cuanto los diplomas, calificaciones, certificados y ...<br \/><div class=\"pt-cv-rmwrap\"><a href=\"https:\/\/www.dmsjuridica.com\/buscador_20179478954\/corteconstitucionalcronologico202454587\/t-1227-05\/\" class=\"_self pt-cv-readmore btn btn-success\" target=\"_self\">Ver Sentencia Completa...<\/a><\/div><\/div><\/div><\/div>\n<div class=\"col-md-12 col-sm-12 col-xs-12 pt-cv-content-item pt-cv-1-col\" ><div class='pt-cv-ifield'><a href=\"https:\/\/www.dmsjuridica.com\/buscador_20179478954\/corteconstitucionalcronologico202454587\/t-1226-05\/\" class=\"_self pt-cv-href-thumbnail pt-cv-thumb-default\" target=\"_self\" ><\/a>\n<div class=\"pt-cv-taxoterm above_title\"><a href='https:\/\/www.dmsjuridica.com\/buscador_20179478954\/corteconstitucionalcronologico202454587\/category\/buscar-en-toda-la-corte\/2005\/tutelas-2005\/' title='Tutelas 2005' class='pt-cv-tax-tutelas-2005'>Tutelas 2005<\/a><\/div>\n<h4 class=\"pt-cv-title\"><a href=\"https:\/\/www.dmsjuridica.com\/buscador_20179478954\/corteconstitucionalcronologico202454587\/t-1226-05\/\" class=\"_self\" target=\"_self\" >T-1226-05<\/a><\/h4>\n<div class=\"pt-cv-content\">\u00a0 \u00a0 Sentencia T-1226\/05 \u00a0 VIA DE HECHO EN PROCESO EJECUTIVO-Terminaci\u00f3n del proceso por reliquidaci\u00f3n del cr\u00e9dito de UPAC \u00a0 VIA DE HECHO-Defecto sustantivo \u00a0 LEY 546 de 1999-Doctrina de la Corte Constitucional sobre el art\u00edculo 42 par\u00e1grafo 3 \u00a0 DEBIDO PROCESO-Deudora del sistema UPAC a quien por mora en el pago del cr\u00e9dito otorgado para vivienda le fue iniciado proceso ejecutivo \u00a0 Reiteraci\u00f3n de jurisprudencia \u00a0 Referencia: expediente T-1175289 \u00a0 Acci\u00f3n de tutela instaurada por el se\u00f1or Norberto G\u00f3mez Rodr\u00edguez contra el Juzgado 2\u00ba Civil del Circuito de Bucaramanga, la Sala Civil del Tribunal Superior del Distrito de Bucaramanga, ...<br \/><div class=\"pt-cv-rmwrap\"><a href=\"https:\/\/www.dmsjuridica.com\/buscador_20179478954\/corteconstitucionalcronologico202454587\/t-1226-05\/\" class=\"_self pt-cv-readmore btn btn-success\" target=\"_self\">Ver Sentencia Completa...<\/a><\/div><\/div><\/div><\/div>\n<div class=\"col-md-12 col-sm-12 col-xs-12 pt-cv-content-item pt-cv-1-col\" ><div class='pt-cv-ifield'><a href=\"https:\/\/www.dmsjuridica.com\/buscador_20179478954\/corteconstitucionalcronologico202454587\/t-1225-05\/\" class=\"_self pt-cv-href-thumbnail pt-cv-thumb-default\" target=\"_self\" ><\/a>\n<div class=\"pt-cv-taxoterm above_title\"><a href='https:\/\/www.dmsjuridica.com\/buscador_20179478954\/corteconstitucionalcronologico202454587\/category\/buscar-en-toda-la-corte\/2005\/tutelas-2005\/' title='Tutelas 2005' class='pt-cv-tax-tutelas-2005'>Tutelas 2005<\/a><\/div>\n<h4 class=\"pt-cv-title\"><a href=\"https:\/\/www.dmsjuridica.com\/buscador_20179478954\/corteconstitucionalcronologico202454587\/t-1225-05\/\" class=\"_self\" target=\"_self\" >T-1225-05<\/a><\/h4>\n<div class=\"pt-cv-content\">\u00a0 \u00a0 Sentencia T-1225\/05 \u00a0 ACCION DE TUTELA CONTRA ENTIDAD BANCARIA-Aplicaci\u00f3n del par\u00e1grafo 3 del art\u00edculo 42 de la Ley 546 de 1999 \u00a0 LEY 546 DE 1999-No es posible la aplicaci\u00f3n del par\u00e1grafo 3 del art\u00edculo 42 a cr\u00e9ditos de libre inversi\u00f3n\u00a0 \u00a0 Las disposiciones recogidas en la Ley 546 de 1999, en especial las relativas a la reliquidaci\u00f3n y terminaci\u00f3n de los procesos ejecutivos hipotecarios, solamente aplican, por voluntad del legislador, en relaci\u00f3n con cr\u00e9ditos para vivienda. \u00a0 DEBIDO PROCESO-Deudora del sistema UPAC a quien por mora en el pago del cr\u00e9dito otorgado para libre inversi\u00f3n le fue ...<br \/><div class=\"pt-cv-rmwrap\"><a href=\"https:\/\/www.dmsjuridica.com\/buscador_20179478954\/corteconstitucionalcronologico202454587\/t-1225-05\/\" class=\"_self pt-cv-readmore btn btn-success\" target=\"_self\">Ver Sentencia Completa...<\/a><\/div><\/div><\/div><\/div>\n<div class=\"col-md-12 col-sm-12 col-xs-12 pt-cv-content-item pt-cv-1-col\" ><div class='pt-cv-ifield'><a href=\"https:\/\/www.dmsjuridica.com\/buscador_20179478954\/corteconstitucionalcronologico202454587\/t-1224-05\/\" class=\"_self pt-cv-href-thumbnail pt-cv-thumb-default\" target=\"_self\" ><\/a>\n<div class=\"pt-cv-taxoterm above_title\"><a href='https:\/\/www.dmsjuridica.com\/buscador_20179478954\/corteconstitucionalcronologico202454587\/category\/buscar-en-toda-la-corte\/2005\/tutelas-2005\/' title='Tutelas 2005' class='pt-cv-tax-tutelas-2005'>Tutelas 2005<\/a><\/div>\n<h4 class=\"pt-cv-title\"><a href=\"https:\/\/www.dmsjuridica.com\/buscador_20179478954\/corteconstitucionalcronologico202454587\/t-1224-05\/\" class=\"_self\" target=\"_self\" >T-1224-05<\/a><\/h4>\n<div class=\"pt-cv-content\">\u00a0 \u00a0 Sentencia T-1224\/05 \u00a0 ACCION DE TUTELA-Car\u00e1cter subsidiario y residual \u00a0 La acci\u00f3n judicial en menci\u00f3n no fue creada para entorpecer o duplicar el funcionamiento del aparato de justicia concebido por el constituyente y desarrollado por el legislador, sino para mejorarlo, brindando una figura complementaria que permite la protecci\u00f3n efectiva de los derechos fundamentales ante la ausencia de otro medio jur\u00eddico id\u00f3neo a tales efectos. Se comprende, en consecuencia, que cuando se ha tenido o se tiene al alcance un mecanismo judicial ordinario, adecuado para la defensa de los derechos e intereses de las personas involucradas en un proceso ...<br \/><div class=\"pt-cv-rmwrap\"><a href=\"https:\/\/www.dmsjuridica.com\/buscador_20179478954\/corteconstitucionalcronologico202454587\/t-1224-05\/\" class=\"_self pt-cv-readmore btn btn-success\" target=\"_self\">Ver Sentencia Completa...<\/a><\/div><\/div><\/div><\/div>\n<div class=\"col-md-12 col-sm-12 col-xs-12 pt-cv-content-item pt-cv-1-col\" ><div class='pt-cv-ifield'><a href=\"https:\/\/www.dmsjuridica.com\/buscador_20179478954\/corteconstitucionalcronologico202454587\/t-1223-05\/\" class=\"_self pt-cv-href-thumbnail pt-cv-thumb-default\" target=\"_self\" ><\/a>\n<div class=\"pt-cv-taxoterm above_title\"><a href='https:\/\/www.dmsjuridica.com\/buscador_20179478954\/corteconstitucionalcronologico202454587\/category\/buscar-en-toda-la-corte\/2005\/tutelas-2005\/' title='Tutelas 2005' class='pt-cv-tax-tutelas-2005'>Tutelas 2005<\/a><\/div>\n<h4 class=\"pt-cv-title\"><a href=\"https:\/\/www.dmsjuridica.com\/buscador_20179478954\/corteconstitucionalcronologico202454587\/t-1223-05\/\" class=\"_self\" target=\"_self\" >T-1223-05<\/a><\/h4>\n<div class=\"pt-cv-content\">\u00a0 \u00a0 Sentencia T-1223\/05 \u00a0 ACCION DE TUTELA-Menor que sufri\u00f3 lesiones corporales en accidente de tr\u00e1nsito con cargo a los recursos del SOAT \u00a0 INTEGRACION DEL CONTRADICTORIO EN DEBIDA FORMA-Deber del juez de tutela\u00a0 \u00a0 La debida \u00a0integraci\u00f3n del contradictorio es una obligaci\u00f3n del juez de instancia. En efecto, en virtud de la oficiosidad e informalidad que orientan el proceso de tutela, \u00a0esta no puede ser denegada con base en argumentos de tipo formalista o en factores que pueden ser f\u00e1cilmente superados por decisiones del juez constitucional, ya que, entre sus deberes se encuentra el de vincular al tr\u00e1mite de ...<br \/><div class=\"pt-cv-rmwrap\"><a href=\"https:\/\/www.dmsjuridica.com\/buscador_20179478954\/corteconstitucionalcronologico202454587\/t-1223-05\/\" class=\"_self pt-cv-readmore btn btn-success\" target=\"_self\">Ver Sentencia Completa...<\/a><\/div><\/div><\/div><\/div>\n<div class=\"col-md-12 col-sm-12 col-xs-12 pt-cv-content-item pt-cv-1-col\" ><div class='pt-cv-ifield'><a href=\"https:\/\/www.dmsjuridica.com\/buscador_20179478954\/corteconstitucionalcronologico202454587\/t-1222-05\/\" class=\"_self pt-cv-href-thumbnail pt-cv-thumb-default\" target=\"_self\" ><\/a>\n<div class=\"pt-cv-taxoterm above_title\"><a href='https:\/\/www.dmsjuridica.com\/buscador_20179478954\/corteconstitucionalcronologico202454587\/category\/buscar-en-toda-la-corte\/2005\/tutelas-2005\/' title='Tutelas 2005' class='pt-cv-tax-tutelas-2005'>Tutelas 2005<\/a><\/div>\n<h4 class=\"pt-cv-title\"><a href=\"https:\/\/www.dmsjuridica.com\/buscador_20179478954\/corteconstitucionalcronologico202454587\/t-1222-05\/\" class=\"_self\" target=\"_self\" >T-1222-05<\/a><\/h4>\n<div class=\"pt-cv-content\">\u00a0 \u00a0 Sentencia T-1222\/05 \u00a0 ACCION DE TUTELA CONTRA PROVIDENCIAS JUDICIALES-Requisitos generales de procedencia \u00a0 ACCION DE TUTELA CONTRA PROVIDENCIAS JUDICIALES-Carga de la prueba \u00a0 Cuando se trata de la interposici\u00f3n de una tutela contra una decisi\u00f3n judicial, corresponde al actor una carga especial que no le corresponde a quien por otras razones acude a este mecanismo de protecci\u00f3n de sus derechos fundamentales. En efecto, en estos casos el actor debe se\u00f1alar claramente los hechos en los cuales se fundamenta su petici\u00f3n y los derechos fundamentales que considera violados. Si no lo hace y la violaci\u00f3n no aparece de manera ...<br \/><div class=\"pt-cv-rmwrap\"><a href=\"https:\/\/www.dmsjuridica.com\/buscador_20179478954\/corteconstitucionalcronologico202454587\/t-1222-05\/\" class=\"_self pt-cv-readmore btn btn-success\" target=\"_self\">Ver Sentencia Completa...<\/a><\/div><\/div><\/div><\/div>\n<div class=\"col-md-12 col-sm-12 col-xs-12 pt-cv-content-item pt-cv-1-col\" ><div class='pt-cv-ifield'><a href=\"https:\/\/www.dmsjuridica.com\/buscador_20179478954\/corteconstitucionalcronologico202454587\/t-1221-05\/\" class=\"_self pt-cv-href-thumbnail pt-cv-thumb-default\" target=\"_self\" ><\/a>\n<div class=\"pt-cv-taxoterm above_title\"><a href='https:\/\/www.dmsjuridica.com\/buscador_20179478954\/corteconstitucionalcronologico202454587\/category\/buscar-en-toda-la-corte\/2005\/tutelas-2005\/' title='Tutelas 2005' class='pt-cv-tax-tutelas-2005'>Tutelas 2005<\/a><\/div>\n<h4 class=\"pt-cv-title\"><a href=\"https:\/\/www.dmsjuridica.com\/buscador_20179478954\/corteconstitucionalcronologico202454587\/t-1221-05\/\" class=\"_self\" target=\"_self\" >T-1221-05<\/a><\/h4>\n<div class=\"pt-cv-content\">\u00a0 \u00a0 Sentencia T-1221\/05 \u00a0 PRINCIPIO DE LA BUENA FE-Observancia general \u00a0 TEMERIDAD O MALA FE-Uso indebido de la tutela \u00a0 Existe temeridad por parte de un accionante o su apoderado cuando se presenta, en m\u00e1s de una oportunidad, acci\u00f3n de tutela sobre los mismos hechos y derechos, excepto cuando la conducta se encuentre expresa y razonablemente justificada. La jurisprudencia de esta Corporaci\u00f3n ha establecido que el ejercicio arbitrario e injustificado de la acci\u00f3n de tutela, configura la actuaci\u00f3n temeraria, al desconocer el fin para el cual fue creado este instrumento de protecci\u00f3n de derechos fundamentales. \u00a0 TEMERIDAD-Presupuestos para que ...<br \/><div class=\"pt-cv-rmwrap\"><a href=\"https:\/\/www.dmsjuridica.com\/buscador_20179478954\/corteconstitucionalcronologico202454587\/t-1221-05\/\" class=\"_self pt-cv-readmore btn btn-success\" target=\"_self\">Ver Sentencia Completa...<\/a><\/div><\/div><\/div><\/div>\n<div class=\"col-md-12 col-sm-12 col-xs-12 pt-cv-content-item pt-cv-1-col\" ><div class='pt-cv-ifield'><a href=\"https:\/\/www.dmsjuridica.com\/buscador_20179478954\/corteconstitucionalcronologico202454587\/t-1220-05\/\" class=\"_self pt-cv-href-thumbnail pt-cv-thumb-default\" target=\"_self\" ><\/a>\n<div class=\"pt-cv-taxoterm above_title\"><a href='https:\/\/www.dmsjuridica.com\/buscador_20179478954\/corteconstitucionalcronologico202454587\/category\/buscar-en-toda-la-corte\/2005\/tutelas-2005\/' title='Tutelas 2005' class='pt-cv-tax-tutelas-2005'>Tutelas 2005<\/a><\/div>\n<h4 class=\"pt-cv-title\"><a href=\"https:\/\/www.dmsjuridica.com\/buscador_20179478954\/corteconstitucionalcronologico202454587\/t-1220-05\/\" class=\"_self\" target=\"_self\" >T-1220-05<\/a><\/h4>\n<div class=\"pt-cv-content\">\u00a0 \u00a0 Sentencia T-1220\/05 \u00a0 ACCION DE TUTELA CONTRA PROVIDENCIAS JUDICIALES-Procedencia excepcional \u00a0 ACCION DE TUTELA-Requisitos de procedencia en casos de procesos ejecutivos hipotecarios \u00a0 Para que proceda la acci\u00f3n de tutela en estos casos, es necesario: (i) que los procesos ejecutivos que cumplieren las condiciones se\u00f1aladas en la Ley 546 de 1999 para beneficiarse con el alivio all\u00ed propuesto se encontraren en curso el 31 de diciembre de 1999 y (ii) que el actor haya utilizado los medios ordinarios de defensa, es decir, que dentro del proceso ejecutivo haya sido diligente y haya reclamado la terminaci\u00f3n del mismo. \u00a0 ...<br \/><div class=\"pt-cv-rmwrap\"><a href=\"https:\/\/www.dmsjuridica.com\/buscador_20179478954\/corteconstitucionalcronologico202454587\/t-1220-05\/\" class=\"_self pt-cv-readmore btn btn-success\" target=\"_self\">Ver Sentencia Completa...<\/a><\/div><\/div><\/div><\/div>\n<div class=\"col-md-12 col-sm-12 col-xs-12 pt-cv-content-item pt-cv-1-col\" ><div class='pt-cv-ifield'><a href=\"https:\/\/www.dmsjuridica.com\/buscador_20179478954\/corteconstitucionalcronologico202454587\/t-122-05\/\" class=\"_self pt-cv-href-thumbnail pt-cv-thumb-default\" target=\"_self\" ><\/a>\n<div class=\"pt-cv-taxoterm above_title\"><a href='https:\/\/www.dmsjuridica.com\/buscador_20179478954\/corteconstitucionalcronologico202454587\/category\/buscar-en-toda-la-corte\/2005\/tutelas-2005\/' title='Tutelas 2005' class='pt-cv-tax-tutelas-2005'>Tutelas 2005<\/a><\/div>\n<h4 class=\"pt-cv-title\"><a href=\"https:\/\/www.dmsjuridica.com\/buscador_20179478954\/corteconstitucionalcronologico202454587\/t-122-05\/\" class=\"_self\" target=\"_self\" >T-122-05<\/a><\/h4>\n<div class=\"pt-cv-content\">\u00a0 \u00a0 Sentencia T-122\/05 \u00a0 ACCION DE TUTELA CONTRA PARTICULARES-Alcance \u00a0 ACCION DE TUTELA CONTRA PARTICULARES-L\u00edmites\/ACCION DE TUTELA CONTRA PARTICULARES-Subordinaci\u00f3n e indefensi\u00f3n \u00a0 CAJA DE AUXILIOS Y PRESTACIONES DE LA ASOCIACION COLOMBIANA DE AVIADORES CIVILES\/CAXDAC-Responsabilidad directa en pensiones \u00a0 CONTRIBUCION PARAFISCAL-Aportes para pago de prestaciones de aviadores civiles\/CAXDAC-Aportes constituyen contribuci\u00f3n parafiscal \u00a0 AVIANCA-Pago oportuno y obligatorio de aportes para pensi\u00f3n\/AVIANCA-No puede alterar ni poner en riesgo la seguridad social de sus trabajadores en sus acuerdos o negocios privados\u00a0 \u00a0 Avianca por ministerio de la ley se encuentra expresamente obligada a realizar los aportes necesarios, con los c\u00e1lculos actuariales establecidos en ...<br \/><div class=\"pt-cv-rmwrap\"><a href=\"https:\/\/www.dmsjuridica.com\/buscador_20179478954\/corteconstitucionalcronologico202454587\/t-122-05\/\" class=\"_self pt-cv-readmore btn btn-success\" target=\"_self\">Ver Sentencia Completa...<\/a><\/div><\/div><\/div><\/div>\n<div class=\"col-md-12 col-sm-12 col-xs-12 pt-cv-content-item pt-cv-1-col\" ><div class='pt-cv-ifield'><a href=\"https:\/\/www.dmsjuridica.com\/buscador_20179478954\/corteconstitucionalcronologico202454587\/t-1219-05\/\" class=\"_self pt-cv-href-thumbnail pt-cv-thumb-default\" target=\"_self\" ><\/a>\n<div class=\"pt-cv-taxoterm above_title\"><a href='https:\/\/www.dmsjuridica.com\/buscador_20179478954\/corteconstitucionalcronologico202454587\/category\/buscar-en-toda-la-corte\/2005\/tutelas-2005\/' title='Tutelas 2005' class='pt-cv-tax-tutelas-2005'>Tutelas 2005<\/a><\/div>\n<h4 class=\"pt-cv-title\"><a href=\"https:\/\/www.dmsjuridica.com\/buscador_20179478954\/corteconstitucionalcronologico202454587\/t-1219-05\/\" class=\"_self\" target=\"_self\" >T-1219-05<\/a><\/h4>\n<div class=\"pt-cv-content\">\u00a0 \u00a0 Sentencia T-1219\/05 \u00a0 ACCION DE TUTELA-Procedencia cuando desvinculaci\u00f3n laboral se relaciona con enfermedad o debilidad manifiesta del trabajador \u00a0 ESTADO-Protecci\u00f3n especial a personas en circunstancias de debilidad manifiesta \u00a0 ESTABILIDAD LABORAL REFORZADA-Protecci\u00f3n especial a trabajadores en condiciones de debilidad manifiesta \u00a0 DESPIDO DE EMPLEADO EN SITUACION DE DEBILIDAD MANIFIESTA-Se debe obtener autorizaci\u00f3n judicial o de la oficina del trabajo \u00a0 Dado que no existe un derecho fundamental a la conservaci\u00f3n del trabajo, la Corte ha establecido que la tutela no es el mecanismo id\u00f3neo para buscar el reintegro laboral. Sin embargo, tambi\u00e9n ha reconocido la especial protecci\u00f3n en ...<br \/><div class=\"pt-cv-rmwrap\"><a href=\"https:\/\/www.dmsjuridica.com\/buscador_20179478954\/corteconstitucionalcronologico202454587\/t-1219-05\/\" class=\"_self pt-cv-readmore btn btn-success\" target=\"_self\">Ver Sentencia Completa...<\/a><\/div><\/div><\/div><\/div>\n<div class=\"col-md-12 col-sm-12 col-xs-12 pt-cv-content-item pt-cv-1-col\" ><div class='pt-cv-ifield'><a href=\"https:\/\/www.dmsjuridica.com\/buscador_20179478954\/corteconstitucionalcronologico202454587\/t-1218-05\/\" class=\"_self pt-cv-href-thumbnail pt-cv-thumb-default\" target=\"_self\" ><\/a>\n<div class=\"pt-cv-taxoterm above_title\"><a href='https:\/\/www.dmsjuridica.com\/buscador_20179478954\/corteconstitucionalcronologico202454587\/category\/buscar-en-toda-la-corte\/2005\/tutelas-2005\/' title='Tutelas 2005' class='pt-cv-tax-tutelas-2005'>Tutelas 2005<\/a><\/div>\n<h4 class=\"pt-cv-title\"><a href=\"https:\/\/www.dmsjuridica.com\/buscador_20179478954\/corteconstitucionalcronologico202454587\/t-1218-05\/\" class=\"_self\" target=\"_self\" >T-1218-05<\/a><\/h4>\n<div class=\"pt-cv-content\">\u00a0 \u00a0 Sentencia T-1218\/05 \u00a0 DERECHO A LA DIGNIDAD HUMANA-Empleado portador de VIH despedido \u00a0 ACCION DE TUTELA CONTRA PARTICULARES-Casos en que procede \u00a0 PORTADOR DE VIH-Se encuentra en condiciones de debilidad manifiesta\u00a0 \u00a0 ENFERMO DE SIDA-Trabajador no est\u00e1 obligado a comunicarle al empleador la enfermedad que padece\u00a0 \u00a0 REINTEGRO AL CARGO DE TRABAJADOR PORTADOR DE VIH-Procede cuando el despido tuvo como causa padecer el virus\u00a0 \u00a0 DERECHO A LA INTIMIDAD-Trabajador no est\u00e1 obligado a comunicarle al empleador que padece VIH \u00a0 DERECHO A LA INTIMIDAD-Est\u00e1 prohibido exigir la prueba de VIH para acceder o permanecer en alguna actividad laboral\u00a0 ...<br \/><div class=\"pt-cv-rmwrap\"><a href=\"https:\/\/www.dmsjuridica.com\/buscador_20179478954\/corteconstitucionalcronologico202454587\/t-1218-05\/\" class=\"_self pt-cv-readmore btn btn-success\" target=\"_self\">Ver Sentencia Completa...<\/a><\/div><\/div><\/div><\/div>\n<div class=\"col-md-12 col-sm-12 col-xs-12 pt-cv-content-item pt-cv-1-col\" ><div class='pt-cv-ifield'><a href=\"https:\/\/www.dmsjuridica.com\/buscador_20179478954\/corteconstitucionalcronologico202454587\/t-1217-05\/\" class=\"_self pt-cv-href-thumbnail pt-cv-thumb-default\" target=\"_self\" ><\/a>\n<div class=\"pt-cv-taxoterm above_title\"><a href='https:\/\/www.dmsjuridica.com\/buscador_20179478954\/corteconstitucionalcronologico202454587\/category\/buscar-en-toda-la-corte\/2005\/tutelas-2005\/' title='Tutelas 2005' class='pt-cv-tax-tutelas-2005'>Tutelas 2005<\/a><\/div>\n<h4 class=\"pt-cv-title\"><a href=\"https:\/\/www.dmsjuridica.com\/buscador_20179478954\/corteconstitucionalcronologico202454587\/t-1217-05\/\" class=\"_self\" target=\"_self\" >T-1217-05<\/a><\/h4>\n<div class=\"pt-cv-content\">\u00a0 \u00a0 Sentencia T-1217\/05 \u00a0 ACCION DE TUTELA CONTRA EMPRESA DE MEDICINA PREPAGADA-Procedencia excepcional \u00a0 Por regla general, el escenario para que se diriman las controversias suscitadas en los contratos de medicina pagada es la jurisdicci\u00f3n ordinaria pues, en estos casos, se est\u00e1 ante conflictos propios del tr\u00e1fico jur\u00eddico inter privatos que giran en torno al alcance de los derechos y las obligaciones que surgen para las partes con ocasi\u00f3n de las cl\u00e1usulas pactadas. No obstante lo anterior, la Corte Constitucional, como int\u00e9rprete m\u00e1ximo y aut\u00e9ntico de la Constituci\u00f3n ha fijado una regla jurisprudencial referente a las controversias en materia ...<br \/><div class=\"pt-cv-rmwrap\"><a href=\"https:\/\/www.dmsjuridica.com\/buscador_20179478954\/corteconstitucionalcronologico202454587\/t-1217-05\/\" class=\"_self pt-cv-readmore btn btn-success\" target=\"_self\">Ver Sentencia Completa...<\/a><\/div><\/div><\/div><\/div>\n<div class=\"col-md-12 col-sm-12 col-xs-12 pt-cv-content-item pt-cv-1-col\" ><div class='pt-cv-ifield'><a href=\"https:\/\/www.dmsjuridica.com\/buscador_20179478954\/corteconstitucionalcronologico202454587\/t-1216-05\/\" class=\"_self pt-cv-href-thumbnail pt-cv-thumb-default\" target=\"_self\" ><\/a>\n<div class=\"pt-cv-taxoterm above_title\"><a href='https:\/\/www.dmsjuridica.com\/buscador_20179478954\/corteconstitucionalcronologico202454587\/category\/buscar-en-toda-la-corte\/2005\/tutelas-2005\/' title='Tutelas 2005' class='pt-cv-tax-tutelas-2005'>Tutelas 2005<\/a><\/div>\n<h4 class=\"pt-cv-title\"><a href=\"https:\/\/www.dmsjuridica.com\/buscador_20179478954\/corteconstitucionalcronologico202454587\/t-1216-05\/\" class=\"_self\" target=\"_self\" >T-1216-05<\/a><\/h4>\n<div class=\"pt-cv-content\">\u00a0 \u00a0 Sentencia T-1216\/05 \u00a0 ACCION DE TUTELA CONTRA PROVIDENCIAS JUDICIALES-Procedencia excepcional\u00a0 \u00a0 PRINCIPIO DE AUTONOMIA JUDICIAL-Se encuentra \u00edntimamente ligado con el principio de primac\u00eda de los derechos fundamentales\u00a0 \u00a0 Por regla general las normas constitucionales no tienen la estructura de reglas que se excluyen de manera absoluta y que fungen como premisa mayor autoevidente en la elaboraci\u00f3n de silogismos jur\u00eddicos. Por el contrario, la estructura abierta de tales preceptos vincula al operador jur\u00eddico con la obligaci\u00f3n, no de encontrar una \u00fanica soluci\u00f3n al caso concreto como conclusi\u00f3n necesaria de una deducci\u00f3n, sino de realizar una labor hermen\u00e9utica de ponderaci\u00f3n ...<br \/><div class=\"pt-cv-rmwrap\"><a href=\"https:\/\/www.dmsjuridica.com\/buscador_20179478954\/corteconstitucionalcronologico202454587\/t-1216-05\/\" class=\"_self pt-cv-readmore btn btn-success\" target=\"_self\">Ver Sentencia Completa...<\/a><\/div><\/div><\/div><\/div>\n<div class=\"col-md-12 col-sm-12 col-xs-12 pt-cv-content-item pt-cv-1-col\" ><div class='pt-cv-ifield'><a href=\"https:\/\/www.dmsjuridica.com\/buscador_20179478954\/corteconstitucionalcronologico202454587\/t-1215-05\/\" class=\"_self pt-cv-href-thumbnail pt-cv-thumb-default\" target=\"_self\" ><\/a>\n<div class=\"pt-cv-taxoterm above_title\"><a href='https:\/\/www.dmsjuridica.com\/buscador_20179478954\/corteconstitucionalcronologico202454587\/category\/buscar-en-toda-la-corte\/2005\/tutelas-2005\/' title='Tutelas 2005' class='pt-cv-tax-tutelas-2005'>Tutelas 2005<\/a><\/div>\n<h4 class=\"pt-cv-title\"><a href=\"https:\/\/www.dmsjuridica.com\/buscador_20179478954\/corteconstitucionalcronologico202454587\/t-1215-05\/\" class=\"_self\" target=\"_self\" >T-1215-05<\/a><\/h4>\n<div class=\"pt-cv-content\">\u00a0 \u00a0 Sentencia T-1215\/05 \u00a0 DERECHO AL PAGO OPORTUNO DE MESADAS PENSIONALES DE PENSIONADOS DE UNIVERSIDAD DEL ATLANTICO \u00a0 ACCION DE TUTELA-Procedencia excepcional pago de acreencias laborales\u00a0 \u00a0 ACCION DE TUTELA-Omisi\u00f3n extendida y continua en el pago de acreencias laborales vulnera el m\u00ednimo vital \u00a0 CONTRATO DE CONCURRENCIA PARA PASIVO PENSIONAL-Incumplimiento \u00a0 MINIMO VITAL-La Universidad no puede excusarse en la falta de disponibilidad presupuestal para el no pago de mesadas pensionales\u00a0 \u00a0 ACTO ADMINISTRATIVO PARTICULAR Y CONCRETO-Deber de la administraci\u00f3n de demandar acto propio cuando se considera contrario a la Constituci\u00f3n o ley \u00a0 INDEFENSION-M\u00ednimo vital del pensionado \u00a0 MINIMO ...<br \/><div class=\"pt-cv-rmwrap\"><a href=\"https:\/\/www.dmsjuridica.com\/buscador_20179478954\/corteconstitucionalcronologico202454587\/t-1215-05\/\" class=\"_self pt-cv-readmore btn btn-success\" target=\"_self\">Ver Sentencia Completa...<\/a><\/div><\/div><\/div><\/div>\n<div class=\"col-md-12 col-sm-12 col-xs-12 pt-cv-content-item pt-cv-1-col\" ><div class='pt-cv-ifield'><a href=\"https:\/\/www.dmsjuridica.com\/buscador_20179478954\/corteconstitucionalcronologico202454587\/t-1214-05\/\" class=\"_self pt-cv-href-thumbnail pt-cv-thumb-default\" target=\"_self\" ><\/a>\n<div class=\"pt-cv-taxoterm above_title\"><a href='https:\/\/www.dmsjuridica.com\/buscador_20179478954\/corteconstitucionalcronologico202454587\/category\/buscar-en-toda-la-corte\/2005\/tutelas-2005\/' title='Tutelas 2005' class='pt-cv-tax-tutelas-2005'>Tutelas 2005<\/a><\/div>\n<h4 class=\"pt-cv-title\"><a href=\"https:\/\/www.dmsjuridica.com\/buscador_20179478954\/corteconstitucionalcronologico202454587\/t-1214-05\/\" class=\"_self\" target=\"_self\" >T-1214-05<\/a><\/h4>\n<div class=\"pt-cv-content\">\u00a0 \u00a0 Sentencia T-1214\/05 \u00a0 ACCION DE TUTELA-Procedencia excepcional pago licencia de maternidad\u00a0 \u00a0 La licencia de maternidad a pesar de ser una prestaci\u00f3n de orden legal, puede ordenarse su pago por v\u00eda de tutela cuando su no reconocimiento vulnere la calidad de vida, la seguridad social, la salud y el m\u00ednimo vital de la madre e hijo. Adem\u00e1s, el amparo procede tambi\u00e9n cuando se configure el \u201cAllanamiento a la mora\u201d y se interponga dentro del a\u00f1o siguiente al nacimiento\u00a0 \u00a0 LICENCIA DE MATERNIDAD-Protecci\u00f3n constitucional\u00a0 \u00a0 ENTIDAD PROMOTORA DE SALUD-No puede negar el pago de la licencia de maternidad excus\u00e1ndose ...<br \/><div class=\"pt-cv-rmwrap\"><a href=\"https:\/\/www.dmsjuridica.com\/buscador_20179478954\/corteconstitucionalcronologico202454587\/t-1214-05\/\" class=\"_self pt-cv-readmore btn btn-success\" target=\"_self\">Ver Sentencia Completa...<\/a><\/div><\/div><\/div><\/div>\n<div class=\"col-md-12 col-sm-12 col-xs-12 pt-cv-content-item pt-cv-1-col\" ><div class='pt-cv-ifield'><a href=\"https:\/\/www.dmsjuridica.com\/buscador_20179478954\/corteconstitucionalcronologico202454587\/t-1213-05\/\" class=\"_self pt-cv-href-thumbnail pt-cv-thumb-default\" target=\"_self\" ><\/a>\n<div class=\"pt-cv-taxoterm above_title\"><a href='https:\/\/www.dmsjuridica.com\/buscador_20179478954\/corteconstitucionalcronologico202454587\/category\/buscar-en-toda-la-corte\/2005\/tutelas-2005\/' title='Tutelas 2005' class='pt-cv-tax-tutelas-2005'>Tutelas 2005<\/a><\/div>\n<h4 class=\"pt-cv-title\"><a href=\"https:\/\/www.dmsjuridica.com\/buscador_20179478954\/corteconstitucionalcronologico202454587\/t-1213-05\/\" class=\"_self\" target=\"_self\" >T-1213-05<\/a><\/h4>\n<div class=\"pt-cv-content\">\u00a0 \u00a0 Sentencia T-1213\/05 \u00a0 PRESUNCION DE VERACIDAD EN TUTELA-Aplicaci\u00f3n por no rendici\u00f3n de informe \u00a0 ACCION DE TUTELA-Presunci\u00f3n de veracidad de los hechos cuando autoridad no rinde informe\u00a0 \u00a0 INFORMES EN TUTELA-Presunci\u00f3n de veracidad sobre los hechos \u00a0 DERECHO DE PETICION-Protecci\u00f3n por v\u00eda de tutela \u00a0 \u00a0 DERECHO DE PETICION-Fundamental\u00a0 \u00a0 DERECHO DE PETICION-T\u00e9rminos\u00a0 \u00a0 \u00a0 Referencia: expediente T-1170250 \u00a0 Acci\u00f3n de tutela interpuesta por Laura Mar\u00eda Alvarez Virguez contra el Instituto de Seguro Social. \u00a0 Magistrada Ponente: \u00a0 Dra. CLARA INES VARGAS HERNANDEZ \u00a0 Bogot\u00e1, D. C., \u00a0 veinticuatro (24) de noviembre del dos mil cinco (2005) \u00a0 ...<br \/><div class=\"pt-cv-rmwrap\"><a href=\"https:\/\/www.dmsjuridica.com\/buscador_20179478954\/corteconstitucionalcronologico202454587\/t-1213-05\/\" class=\"_self pt-cv-readmore btn btn-success\" target=\"_self\">Ver Sentencia Completa...<\/a><\/div><\/div><\/div><\/div>\n<div class=\"col-md-12 col-sm-12 col-xs-12 pt-cv-content-item pt-cv-1-col\" ><div class='pt-cv-ifield'><a href=\"https:\/\/www.dmsjuridica.com\/buscador_20179478954\/corteconstitucionalcronologico202454587\/t-1212-05\/\" class=\"_self pt-cv-href-thumbnail pt-cv-thumb-default\" target=\"_self\" ><\/a>\n<div class=\"pt-cv-taxoterm above_title\"><a href='https:\/\/www.dmsjuridica.com\/buscador_20179478954\/corteconstitucionalcronologico202454587\/category\/buscar-en-toda-la-corte\/2005\/tutelas-2005\/' title='Tutelas 2005' class='pt-cv-tax-tutelas-2005'>Tutelas 2005<\/a><\/div>\n<h4 class=\"pt-cv-title\"><a href=\"https:\/\/www.dmsjuridica.com\/buscador_20179478954\/corteconstitucionalcronologico202454587\/t-1212-05\/\" class=\"_self\" target=\"_self\" >T-1212-05<\/a><\/h4>\n<div class=\"pt-cv-content\">\u00a0 \u00a0 Sentencia T-1212\/05 \u00a0 ACCION DE TUTELA-Procedencia excepcional pago de licencia de maternidad\u00a0 \u00a0 LICENCIA DE MATERNIDAD-Protecci\u00f3n constitucional\u00a0 \u00a0 ENTIDAD PROMOTORA DE SALUD-No puede negar el pago de la licencia de maternidad excus\u00e1ndose en que los pagos fueron extempor\u00e1neos \u00a0 ENTIDAD PROMOTORA DE SALUD-Allanamiento a la mora \u00a0 MINIMO VITAL-Entidad se niega a pagar licencia de maternidad aduciendo pagos extempor\u00e1neos\u00a0 \u00a0 LICENCIA DE MATERNIDAD-T\u00e9rmino hasta de un a\u00f1o despu\u00e9s del nacimiento del ni\u00f1o para reclamar por tutela \u00a0 Los 84 d\u00edas exigidos con anterioridad para interponer la acci\u00f3n de tutela y solicitar el pago de la licencia, se tornaron ...<br \/><div class=\"pt-cv-rmwrap\"><a href=\"https:\/\/www.dmsjuridica.com\/buscador_20179478954\/corteconstitucionalcronologico202454587\/t-1212-05\/\" class=\"_self pt-cv-readmore btn btn-success\" target=\"_self\">Ver Sentencia Completa...<\/a><\/div><\/div><\/div><\/div>\n<div class=\"col-md-12 col-sm-12 col-xs-12 pt-cv-content-item pt-cv-1-col\" ><div class='pt-cv-ifield'><a href=\"https:\/\/www.dmsjuridica.com\/buscador_20179478954\/corteconstitucionalcronologico202454587\/t-1211-05\/\" class=\"_self pt-cv-href-thumbnail pt-cv-thumb-default\" target=\"_self\" ><\/a>\n<div class=\"pt-cv-taxoterm above_title\"><a href='https:\/\/www.dmsjuridica.com\/buscador_20179478954\/corteconstitucionalcronologico202454587\/category\/buscar-en-toda-la-corte\/2005\/tutelas-2005\/' title='Tutelas 2005' class='pt-cv-tax-tutelas-2005'>Tutelas 2005<\/a><\/div>\n<h4 class=\"pt-cv-title\"><a href=\"https:\/\/www.dmsjuridica.com\/buscador_20179478954\/corteconstitucionalcronologico202454587\/t-1211-05\/\" class=\"_self\" target=\"_self\" >T-1211-05<\/a><\/h4>\n<div class=\"pt-cv-content\">\u00a0 \u00a0 Sentencia T-1211\/05 \u00a0 ACCION DE TUTELA CONTRA PROVIDENCIAS JUDICIALES POR VIA DE HECHO-Procedencia excepcional\u00a0 \u00a0 ACCION DE TUTELA CONTRA PROVIDENCIAS JUDICIALES-Procedencia excepcional por inexistencia de otro mecanismo de defensa judicial\u00a0 \u00a0 PRINCIPIO DE FAVORABILIDAD PENAL-Consagraci\u00f3n constitucional \u00a0 Las regulaciones del nuevo C\u00f3digo de Procedimiento Penal mencionadas son aplicables, pues precisamente los art\u00edculo 351 y 352 de la Ley 906 de 2004 tienen de manera incuestionable la connotaci\u00f3n de normas con efectos sustanciales, pese a encontrarse ubicadas en un ordenamiento procesal, al disponer sobre el quantum de la reducci\u00f3n de la pena a que se hace acreedor el procesado ...<br \/><div class=\"pt-cv-rmwrap\"><a href=\"https:\/\/www.dmsjuridica.com\/buscador_20179478954\/corteconstitucionalcronologico202454587\/t-1211-05\/\" class=\"_self pt-cv-readmore btn btn-success\" target=\"_self\">Ver Sentencia Completa...<\/a><\/div><\/div><\/div><\/div>\n<div class=\"col-md-12 col-sm-12 col-xs-12 pt-cv-content-item pt-cv-1-col\" ><div class='pt-cv-ifield'><a href=\"https:\/\/www.dmsjuridica.com\/buscador_20179478954\/corteconstitucionalcronologico202454587\/t-1210-05\/\" class=\"_self pt-cv-href-thumbnail pt-cv-thumb-default\" target=\"_self\" ><\/a>\n<div class=\"pt-cv-taxoterm above_title\"><a href='https:\/\/www.dmsjuridica.com\/buscador_20179478954\/corteconstitucionalcronologico202454587\/category\/buscar-en-toda-la-corte\/2005\/tutelas-2005\/' title='Tutelas 2005' class='pt-cv-tax-tutelas-2005'>Tutelas 2005<\/a><\/div>\n<h4 class=\"pt-cv-title\"><a href=\"https:\/\/www.dmsjuridica.com\/buscador_20179478954\/corteconstitucionalcronologico202454587\/t-1210-05\/\" class=\"_self\" target=\"_self\" >T-1210-05<\/a><\/h4>\n<div class=\"pt-cv-content\">\u00a0 \u00a0 Sentencia T-1210\/05 \u00a0 ACCION DE TUTELA TRANSITORIA DE MUJER EMBARAZADA \u00a0 ESTABILIDAD LABORAL REFORZADA DE MUJER EMBARAZADA-Car\u00e1cter fundamental\u00a0 \u00a0 ESTABILIDAD LABORAL REFORZADA DE MUJER EMBARAZADA-Procedencia de la acci\u00f3n de tutela para su amparo \u00a0 ESTABILIDAD LABORAL REFORZADA DE MUJER EMBARAZADA EN CONTRATO A TERMINO FIJO \u00a0 Cuando a la mujer embarazada se le da por terminado su contrato de trabajo a t\u00e9rmino fijo sin argumentos distintos al del vencimiento del t\u00e9rmino, se presume que hay despido discriminatorio en raz\u00f3n del embarazo, y por tanto, deben preserv\u00e1rsele las garant\u00edas constitucionales especialmente instituidas para proteger el estado de gravidez y ...<br \/><div class=\"pt-cv-rmwrap\"><a href=\"https:\/\/www.dmsjuridica.com\/buscador_20179478954\/corteconstitucionalcronologico202454587\/t-1210-05\/\" class=\"_self pt-cv-readmore btn btn-success\" target=\"_self\">Ver Sentencia Completa...<\/a><\/div><\/div><\/div><\/div>\n<div class=\"col-md-12 col-sm-12 col-xs-12 pt-cv-content-item pt-cv-1-col\" ><div class='pt-cv-ifield'><a href=\"https:\/\/www.dmsjuridica.com\/buscador_20179478954\/corteconstitucionalcronologico202454587\/t-121-05\/\" class=\"_self pt-cv-href-thumbnail pt-cv-thumb-default\" target=\"_self\" ><\/a>\n<div class=\"pt-cv-taxoterm above_title\"><a href='https:\/\/www.dmsjuridica.com\/buscador_20179478954\/corteconstitucionalcronologico202454587\/category\/buscar-en-toda-la-corte\/2005\/tutelas-2005\/' title='Tutelas 2005' class='pt-cv-tax-tutelas-2005'>Tutelas 2005<\/a><\/div>\n<h4 class=\"pt-cv-title\"><a href=\"https:\/\/www.dmsjuridica.com\/buscador_20179478954\/corteconstitucionalcronologico202454587\/t-121-05\/\" class=\"_self\" target=\"_self\" >T-121-05<\/a><\/h4>\n<div class=\"pt-cv-content\">\u00a0 \u00a0 Sentencia T-121\/05 \u00a0 ESTADO-Obligaci\u00f3n de prestar plan de atenci\u00f3n b\u00e1sica en salud\/ENTIDAD PROMOTORA DE SALUD-Prestaci\u00f3n Plan obligatorio de salud \u00a0 DERECHO A LA SALUD-Car\u00e1cter prestacional\/DERECHO A LA SALUD-Fundamental por conexidad \u00a0 SISBEN-Definici\u00f3n\/SISBEN-Regulaci\u00f3n ineficiente para detectar a las personas pobres\/SISBEN-Regulaci\u00f3n ineficiente y contraria al orden p\u00fablico de la salud \u00a0 SISBEN-Nueva encuesta para reclasificaci\u00f3n\/ACCION DE TUTELA-Procedencia cuando indebida clasificaci\u00f3n en el SISBEN afecta derechos fundamentales \u00a0 En los eventos en que encuentra que no es concordante la situaci\u00f3n particular del accionante con su clasificaci\u00f3n en los niveles incorporados en la regulaci\u00f3n administrativa del Sistema, la Corte ha ordenado que ...<br \/><div class=\"pt-cv-rmwrap\"><a href=\"https:\/\/www.dmsjuridica.com\/buscador_20179478954\/corteconstitucionalcronologico202454587\/t-121-05\/\" class=\"_self pt-cv-readmore btn btn-success\" target=\"_self\">Ver Sentencia Completa...<\/a><\/div><\/div><\/div><\/div>\n<div class=\"col-md-12 col-sm-12 col-xs-12 pt-cv-content-item pt-cv-1-col\" ><div class='pt-cv-ifield'><a href=\"https:\/\/www.dmsjuridica.com\/buscador_20179478954\/corteconstitucionalcronologico202454587\/t-1209-05\/\" class=\"_self pt-cv-href-thumbnail pt-cv-thumb-default\" target=\"_self\" ><\/a>\n<div class=\"pt-cv-taxoterm above_title\"><a href='https:\/\/www.dmsjuridica.com\/buscador_20179478954\/corteconstitucionalcronologico202454587\/category\/buscar-en-toda-la-corte\/2005\/tutelas-2005\/' title='Tutelas 2005' class='pt-cv-tax-tutelas-2005'>Tutelas 2005<\/a><\/div>\n<h4 class=\"pt-cv-title\"><a href=\"https:\/\/www.dmsjuridica.com\/buscador_20179478954\/corteconstitucionalcronologico202454587\/t-1209-05\/\" class=\"_self\" target=\"_self\" >T-1209-05<\/a><\/h4>\n<div class=\"pt-cv-content\">\u00a0 \u00a0 Sentencia T-1209\/05 \u00a0 VIA DE HECHO-Defecto procedimental por indebida notificaci\u00f3n \u00a0 DERECHO A LA INFORMACION-Requisitos sustanciales de los edictos\/PRINCIPIO DE LA CONFIANZA LEGITIMA Y LA BUENA FE-Pautas m\u00ednimas en notificaci\u00f3n de sentencias\u00a0 \u00a0 NOTIFICACION POR EDICTO-Finalidad\u00a0 \u00a0 Varias son las funciones y finalidades que el edicto tiene como instrumento de notificaci\u00f3n. \u00a0Una de ellas, respecto de la cual los jueces de instancia no hicieron ninguna reflexi\u00f3n, es la determinaci\u00f3n de la fecha en la cual la providencia respectiva no podr\u00e1 ser objeto de recurso alguno; el t\u00e9rmino en el que se predicar\u00e1 la firmeza de la decisi\u00f3n. \u00a0Por ...<br \/><div class=\"pt-cv-rmwrap\"><a href=\"https:\/\/www.dmsjuridica.com\/buscador_20179478954\/corteconstitucionalcronologico202454587\/t-1209-05\/\" class=\"_self pt-cv-readmore btn btn-success\" target=\"_self\">Ver Sentencia Completa...<\/a><\/div><\/div><\/div><\/div>\n<div class=\"col-md-12 col-sm-12 col-xs-12 pt-cv-content-item pt-cv-1-col\" ><div class='pt-cv-ifield'><a href=\"https:\/\/www.dmsjuridica.com\/buscador_20179478954\/corteconstitucionalcronologico202454587\/t-1207-05\/\" class=\"_self pt-cv-href-thumbnail pt-cv-thumb-default\" target=\"_self\" ><\/a>\n<div class=\"pt-cv-taxoterm above_title\"><a href='https:\/\/www.dmsjuridica.com\/buscador_20179478954\/corteconstitucionalcronologico202454587\/category\/buscar-en-toda-la-corte\/2005\/tutelas-2005\/' title='Tutelas 2005' class='pt-cv-tax-tutelas-2005'>Tutelas 2005<\/a><\/div>\n<h4 class=\"pt-cv-title\"><a href=\"https:\/\/www.dmsjuridica.com\/buscador_20179478954\/corteconstitucionalcronologico202454587\/t-1207-05\/\" class=\"_self\" target=\"_self\" >T-1207-05<\/a><\/h4>\n<div class=\"pt-cv-content\">\u00a0 \u00a0 Sentencia T-1207\/05 \u00a0 DERECHO AL TRABAJO-Protecci\u00f3n constitucional\u00a0 \u00a0 CONTRATO DE TRABAJO-Primac\u00eda de las realidad sobre las formalidades\u00a0 \u00a0 CONTRATO DE TRABAJO-Elementos \u00a0 DERECHO AL PAGO OPORTUNO DEL SALARIO-No importa modalidad en que se desempe\u00f1e el trabajo \u00a0 DERECHO AL PAGO OPORTUNO DEL SALARIO-Omisi\u00f3n implica explotaci\u00f3n y ofensa a la dignidad del trabajador \u00a0 ACCION DE TUTELA-Procedencia excepcional pago de acreencias laborales \u00a0 DERECHO AL PAGO OPORTUNO DEL SALARIO-No se pierde mientras se prueba el tipo de vinculaci\u00f3n existente \u00a0 DERECHO AL PAGO OPORTUNO DEL SALARIO-Prestaci\u00f3n de servicio personal subordinado con independencia de la denominaci\u00f3n jur\u00eddica dada \u00a0 DERECHO ...<br \/><div class=\"pt-cv-rmwrap\"><a href=\"https:\/\/www.dmsjuridica.com\/buscador_20179478954\/corteconstitucionalcronologico202454587\/t-1207-05\/\" class=\"_self pt-cv-readmore btn btn-success\" target=\"_self\">Ver Sentencia Completa...<\/a><\/div><\/div><\/div><\/div>\n<div class=\"col-md-12 col-sm-12 col-xs-12 pt-cv-content-item pt-cv-1-col\" ><div class='pt-cv-ifield'><a href=\"https:\/\/www.dmsjuridica.com\/buscador_20179478954\/corteconstitucionalcronologico202454587\/t-1206-05\/\" class=\"_self pt-cv-href-thumbnail pt-cv-thumb-default\" target=\"_self\" ><\/a>\n<div class=\"pt-cv-taxoterm above_title\"><a href='https:\/\/www.dmsjuridica.com\/buscador_20179478954\/corteconstitucionalcronologico202454587\/category\/buscar-en-toda-la-corte\/2005\/tutelas-2005\/' title='Tutelas 2005' class='pt-cv-tax-tutelas-2005'>Tutelas 2005<\/a><\/div>\n<h4 class=\"pt-cv-title\"><a href=\"https:\/\/www.dmsjuridica.com\/buscador_20179478954\/corteconstitucionalcronologico202454587\/t-1206-05\/\" class=\"_self\" target=\"_self\" >T-1206-05<\/a><\/h4>\n<div class=\"pt-cv-content\">\u00a0 \u00a0 Sentencia T-1206\/05 \u00a0 La doble finalidad de los derechos humanos consistente en la protecci\u00f3n de la integridad de las personas y la garant\u00eda de una vida digna puede lograrse a partir del reconocimiento de la integralidad e indivisibilidad de los derechos humanos. Por consiguiente, las acciones pol\u00edticas y legales en aras de promover y respetar los derechos humanos deben estar fundamentadas en una concepci\u00f3n integral de los mismos. En consecuencia, las obligaciones contenidas en los derechos econ\u00f3micos, sociales y culturales son exigibles ante las autoridades por cuanto, su cumplimiento garantiza a las personas un nivel de vida que ...<br \/><div class=\"pt-cv-rmwrap\"><a href=\"https:\/\/www.dmsjuridica.com\/buscador_20179478954\/corteconstitucionalcronologico202454587\/t-1206-05\/\" class=\"_self pt-cv-readmore btn btn-success\" target=\"_self\">Ver Sentencia Completa...<\/a><\/div><\/div><\/div><\/div>\n<div class=\"col-md-12 col-sm-12 col-xs-12 pt-cv-content-item pt-cv-1-col\" ><div class='pt-cv-ifield'><a href=\"https:\/\/www.dmsjuridica.com\/buscador_20179478954\/corteconstitucionalcronologico202454587\/t-1205-05\/\" class=\"_self pt-cv-href-thumbnail pt-cv-thumb-default\" target=\"_self\" ><\/a>\n<div class=\"pt-cv-taxoterm above_title\"><a href='https:\/\/www.dmsjuridica.com\/buscador_20179478954\/corteconstitucionalcronologico202454587\/category\/buscar-en-toda-la-corte\/2005\/tutelas-2005\/' title='Tutelas 2005' class='pt-cv-tax-tutelas-2005'>Tutelas 2005<\/a><\/div>\n<h4 class=\"pt-cv-title\"><a href=\"https:\/\/www.dmsjuridica.com\/buscador_20179478954\/corteconstitucionalcronologico202454587\/t-1205-05\/\" class=\"_self\" target=\"_self\" >T-1205-05<\/a><\/h4>\n<div class=\"pt-cv-content\">\u00a0 \u00a0 Sentencia T-1205\/05 \u00a0 LICENCIA DE MATERNIDAD-Protecci\u00f3n constitucional especial \u00a0 LICENCIA DE MATERNIDAD-Procedencia excepcional de tutela para el pago \u00a0 LICENCIA DE MATERNIDAD-Alcance del articulo 63 del Decreto 806 de 1998 \u00a0 EMPLEADOR-Est\u00e1 obligado al pago de la licencia cuando no cancela los aportes o lo hace extempor\u00e1neamente \u00a0 LICENCIA DE MATERNIDAD-Pago por allanamiento a la mora por EPS \u00a0 LICENCIA DE MATERNIDAD-T\u00e9rmino hasta de un a\u00f1o despu\u00e9s del nacimiento del ni\u00f1o para reclamar por tutela \u00a0 MINIMO VITAL-Derecho fundamental de la madre y del reci\u00e9n nacido \u00a0 MINIMO VITAL-Entidad se niega a pagar la licencia de maternidad aduciendo ...<br \/><div class=\"pt-cv-rmwrap\"><a href=\"https:\/\/www.dmsjuridica.com\/buscador_20179478954\/corteconstitucionalcronologico202454587\/t-1205-05\/\" class=\"_self pt-cv-readmore btn btn-success\" target=\"_self\">Ver Sentencia Completa...<\/a><\/div><\/div><\/div><\/div>\n<div class=\"col-md-12 col-sm-12 col-xs-12 pt-cv-content-item pt-cv-1-col\" ><div class='pt-cv-ifield'><a href=\"https:\/\/www.dmsjuridica.com\/buscador_20179478954\/corteconstitucionalcronologico202454587\/t-1203-05\/\" class=\"_self pt-cv-href-thumbnail pt-cv-thumb-default\" target=\"_self\" ><\/a>\n<div class=\"pt-cv-taxoterm above_title\"><a href='https:\/\/www.dmsjuridica.com\/buscador_20179478954\/corteconstitucionalcronologico202454587\/category\/buscar-en-toda-la-corte\/2005\/tutelas-2005\/' title='Tutelas 2005' class='pt-cv-tax-tutelas-2005'>Tutelas 2005<\/a><\/div>\n<h4 class=\"pt-cv-title\"><a href=\"https:\/\/www.dmsjuridica.com\/buscador_20179478954\/corteconstitucionalcronologico202454587\/t-1203-05\/\" class=\"_self\" target=\"_self\" >T-1203-05<\/a><\/h4>\n<div class=\"pt-cv-content\">\u00a0 \u00a0 NOTA DE LA RELATORIA: LA SENTENCIA T-1203 DE 2005 FUE CORREGIDA EN LA PARTE RESOLUTIVA MEDIANTE AUTO 118A\/06 \u00a0 \u00a0 Sentencia T-1203\/05 \u00a0 ACCION DE TUTELA CONTRA PROVIDENCIAS JUDICIALES POR VIA DE HECHO-Procedencia excepcional\u00a0 \u00a0 ACCION DE TUTELA CONTRA PROVIDENCIAS JUDICIALES POR VIA DE HECHO-Aplicaci\u00f3n retroactiva de la Ley 29 de 1982 \u00a0 En s\u00edntesis, para la Sala es claro i) que la cuesti\u00f3n de la aplicabilidad del art\u00edculo 18 de la Ley 45 de 1936 -\u201clos hijos leg\u00edtimos excluyen a todos los otros herederos, excepto a los hijos naturales cuando el finado haya dejado hijos leg\u00edtimos y ...<br \/><div class=\"pt-cv-rmwrap\"><a href=\"https:\/\/www.dmsjuridica.com\/buscador_20179478954\/corteconstitucionalcronologico202454587\/t-1203-05\/\" class=\"_self pt-cv-readmore btn btn-success\" target=\"_self\">Ver Sentencia Completa...<\/a><\/div><\/div><\/div><\/div>\n<div class=\"col-md-12 col-sm-12 col-xs-12 pt-cv-content-item pt-cv-1-col\" ><div class='pt-cv-ifield'><a href=\"https:\/\/www.dmsjuridica.com\/buscador_20179478954\/corteconstitucionalcronologico202454587\/t-1202-05\/\" class=\"_self pt-cv-href-thumbnail pt-cv-thumb-default\" target=\"_self\" ><\/a>\n<div class=\"pt-cv-taxoterm above_title\"><a href='https:\/\/www.dmsjuridica.com\/buscador_20179478954\/corteconstitucionalcronologico202454587\/category\/buscar-en-toda-la-corte\/2005\/tutelas-2005\/' title='Tutelas 2005' class='pt-cv-tax-tutelas-2005'>Tutelas 2005<\/a><\/div>\n<h4 class=\"pt-cv-title\"><a href=\"https:\/\/www.dmsjuridica.com\/buscador_20179478954\/corteconstitucionalcronologico202454587\/t-1202-05\/\" class=\"_self\" target=\"_self\" >T-1202-05<\/a><\/h4>\n<div class=\"pt-cv-content\">\u00a0 \u00a0 Sentencia T-1202\/05 \u00a0 ACCION DE TUTELA CONTRA PARTICULARES-Procedencia en raz\u00f3n al estado de indefensi\u00f3n\u00a0 \u00a0 ACCION DE TUTELA TRANSITORIA DE MUJER EMBARAZADA-Car\u00e1cter constitucional de la protecci\u00f3n a la maternidad \u00a0 Tanto el Estado como los particulares, est\u00e1n obligados a reconocer y dar un \u201ctrato especial\u00edsimo\u201d a las condiciones fisiol\u00f3gicas particulares de la mujer que involucran o se relacionan con la preservaci\u00f3n de la especie (estado de gestaci\u00f3n, parto, lactancia y atenci\u00f3n del neonato), dada la importancia y los riesgos que cada una de ellas puede conllevar en relaci\u00f3n con la vida, la integridad personal, el desarrollo de la ...<br \/><div class=\"pt-cv-rmwrap\"><a href=\"https:\/\/www.dmsjuridica.com\/buscador_20179478954\/corteconstitucionalcronologico202454587\/t-1202-05\/\" class=\"_self pt-cv-readmore btn btn-success\" target=\"_self\">Ver Sentencia Completa...<\/a><\/div><\/div><\/div><\/div>\n<div class=\"col-md-12 col-sm-12 col-xs-12 pt-cv-content-item pt-cv-1-col\" ><div class='pt-cv-ifield'><a href=\"https:\/\/www.dmsjuridica.com\/buscador_20179478954\/corteconstitucionalcronologico202454587\/t-1201-05\/\" class=\"_self pt-cv-href-thumbnail pt-cv-thumb-default\" target=\"_self\" ><\/a>\n<div class=\"pt-cv-taxoterm above_title\"><a href='https:\/\/www.dmsjuridica.com\/buscador_20179478954\/corteconstitucionalcronologico202454587\/category\/buscar-en-toda-la-corte\/2005\/tutelas-2005\/' title='Tutelas 2005' class='pt-cv-tax-tutelas-2005'>Tutelas 2005<\/a><\/div>\n<h4 class=\"pt-cv-title\"><a href=\"https:\/\/www.dmsjuridica.com\/buscador_20179478954\/corteconstitucionalcronologico202454587\/t-1201-05\/\" class=\"_self\" target=\"_self\" >T-1201-05<\/a><\/h4>\n<div class=\"pt-cv-content\">\u00a0 \u00a0 Sentencia T-1201\/05 \u00a0 ACCION DE TUTELA CONTRA PROVIDENCIAS JUDICIALES POR VIA DE HECHO-Procedencia excepcional\u00a0 \u00a0 ACCION DE TUTELA CONTRA PROVIDENCIAS JUDICIALES POR VIA DE HECHO-Improcedencia cuando no se evidencia la existencia de perjuicio irremediable \u00a0 ACCION DE TUTELA CONTRA PROVIDENCIAS JUDICIALES-La sola inconformidad de las partes afectadas con la decisi\u00f3n, no resulta suficiente para configurar una v\u00eda de hecho\u00a0 \u00a0 ACCION DE TUTELA-Improcedencia para revivir t\u00e9rminos\u00a0 \u00a0 TRIBUNAL DE ARBITRAMENTO-Una vez llegado el plazo legal pierde competencia para continuar actuando \u00a0 TRIBUNAL DE ARBITRAMENTO-Si no es proferido el laudo arbitral por vencimiento del t\u00e9rmino se puede acudir a ...<br \/><div class=\"pt-cv-rmwrap\"><a href=\"https:\/\/www.dmsjuridica.com\/buscador_20179478954\/corteconstitucionalcronologico202454587\/t-1201-05\/\" class=\"_self pt-cv-readmore btn btn-success\" target=\"_self\">Ver Sentencia Completa...<\/a><\/div><\/div><\/div><\/div>\n<div class=\"col-md-12 col-sm-12 col-xs-12 pt-cv-content-item pt-cv-1-col\" ><div class='pt-cv-ifield'><a href=\"https:\/\/www.dmsjuridica.com\/buscador_20179478954\/corteconstitucionalcronologico202454587\/t-1200-05\/\" class=\"_self pt-cv-href-thumbnail pt-cv-thumb-default\" target=\"_self\" ><\/a>\n<div class=\"pt-cv-taxoterm above_title\"><a href='https:\/\/www.dmsjuridica.com\/buscador_20179478954\/corteconstitucionalcronologico202454587\/category\/buscar-en-toda-la-corte\/2005\/tutelas-2005\/' title='Tutelas 2005' class='pt-cv-tax-tutelas-2005'>Tutelas 2005<\/a><\/div>\n<h4 class=\"pt-cv-title\"><a href=\"https:\/\/www.dmsjuridica.com\/buscador_20179478954\/corteconstitucionalcronologico202454587\/t-1200-05\/\" class=\"_self\" target=\"_self\" >T-1200-05<\/a><\/h4>\n<div class=\"pt-cv-content\">\u00a0 \u00a0 Sentencia T-1200\/05 \u00a0 DERECHO DE PETICION-Administraci\u00f3n tiene la obligaci\u00f3n de responder de forma pronta y de fondo las peticiones de los administrados \u00a0 DERECHO DE PETICION-T\u00e9rminos \u00a0 MINIMO VITAL-Es vulnerado cuando una entidad no se pronuncia sobre las solicitudes de reconocimiento y pago de pensi\u00f3n de vejez\u00a0 \u00a0 DERECHO DE PETICION-Afiliadas a quienes el Instituto de Seguros Sociales no les ha resuelto solicitudes de reconocimiento de pensiones de vejez \u00a0 Referencia: expedientes T-1.166.668, T-1.166.671 y T-1.166.674. \u00a0 Acci\u00f3n de tutela instaurada por Sol Angela Badillo Cuestas, Ana Eduviges Barraza Mart\u00ednez y Gabriel Turbay G\u00f3mez G\u00f3mez contra el Seguro ...<br \/><div class=\"pt-cv-rmwrap\"><a href=\"https:\/\/www.dmsjuridica.com\/buscador_20179478954\/corteconstitucionalcronologico202454587\/t-1200-05\/\" class=\"_self pt-cv-readmore btn btn-success\" target=\"_self\">Ver Sentencia Completa...<\/a><\/div><\/div><\/div><\/div>\n<div class=\"col-md-12 col-sm-12 col-xs-12 pt-cv-content-item pt-cv-1-col\" ><div class='pt-cv-ifield'><a href=\"https:\/\/www.dmsjuridica.com\/buscador_20179478954\/corteconstitucionalcronologico202454587\/t-120-05\/\" class=\"_self pt-cv-href-thumbnail pt-cv-thumb-default\" target=\"_self\" ><\/a>\n<div class=\"pt-cv-taxoterm above_title\"><a href='https:\/\/www.dmsjuridica.com\/buscador_20179478954\/corteconstitucionalcronologico202454587\/category\/buscar-en-toda-la-corte\/2005\/tutelas-2005\/' title='Tutelas 2005' class='pt-cv-tax-tutelas-2005'>Tutelas 2005<\/a><\/div>\n<h4 class=\"pt-cv-title\"><a href=\"https:\/\/www.dmsjuridica.com\/buscador_20179478954\/corteconstitucionalcronologico202454587\/t-120-05\/\" class=\"_self\" target=\"_self\" >T-120-05<\/a><\/h4>\n<div class=\"pt-cv-content\">\u00a0 \u00a0 Sentencia T-120\/05 \u00a0 PROPIEDAD HORIZONTAL-Obligaciones a cargo de los propietarios de bienes privados\/EXPENSAS COMUNES EN REGIMEN DE PROPIEDAD HORIZONTAL-Solidaridad en su pago entre el propietario anterior y el nuevo propietario \u00a0 ADMINISTRACION DE PROPIEDAD HORIZONTAL-No pago cuotas de administraci\u00f3n en condominio \u00a0 CUOTAS DE ADMINISTRACION-Compra de inmueble en remate y que ten\u00eda deuda por este concepto \u00a0 Referencia: expediente T-992178 \u00a0 Acci\u00f3n de tutela de Edwin Yesid Rojas Vargas contra Juzgado 14 Civil del Circuito de Bogot\u00e1. \u00a0 Magistrado Ponente:\u00a0 \u00a0 Dr. ALFREDO BELTR\u00c1N SIERRA \u00a0 Bogot\u00e1 D.C., diecisiete (17) de febrero de dos mil cinco (2005). \u00a0 ...<br \/><div class=\"pt-cv-rmwrap\"><a href=\"https:\/\/www.dmsjuridica.com\/buscador_20179478954\/corteconstitucionalcronologico202454587\/t-120-05\/\" class=\"_self pt-cv-readmore btn btn-success\" target=\"_self\">Ver Sentencia Completa...<\/a><\/div><\/div><\/div><\/div>\n<div class=\"col-md-12 col-sm-12 col-xs-12 pt-cv-content-item pt-cv-1-col\" ><div class='pt-cv-ifield'><a href=\"https:\/\/www.dmsjuridica.com\/buscador_20179478954\/corteconstitucionalcronologico202454587\/t-1199-05\/\" class=\"_self pt-cv-href-thumbnail pt-cv-thumb-default\" target=\"_self\" ><\/a>\n<div class=\"pt-cv-taxoterm above_title\"><a href='https:\/\/www.dmsjuridica.com\/buscador_20179478954\/corteconstitucionalcronologico202454587\/category\/buscar-en-toda-la-corte\/2005\/tutelas-2005\/' title='Tutelas 2005' class='pt-cv-tax-tutelas-2005'>Tutelas 2005<\/a><\/div>\n<h4 class=\"pt-cv-title\"><a href=\"https:\/\/www.dmsjuridica.com\/buscador_20179478954\/corteconstitucionalcronologico202454587\/t-1199-05\/\" class=\"_self\" target=\"_self\" >T-1199-05<\/a><\/h4>\n<div class=\"pt-cv-content\">\u00a0 \u00a0 Sentencia T-1199\/05 \u00a0 AGENCIA OFICIOSA EN TUTELA-Cualquier persona est\u00e1 legitimada para interponer acci\u00f3n de amparo a favor de un menor \u00a0 REGIMEN CONTRIBUTIVO DE SEGURIDAD SOCIAL EN SALUD-Requisitos de acceso de hijos de beneficiarios\u00a0 \u00a0 REGIMEN CONTRIBUTIVO DE SEGURIDAD SOCIAL EN SALUD-No puede condicionarse la atenci\u00f3n integral en salud a la vinculaci\u00f3n directa o indirecta al grupo familiar\u00a0 \u00a0 REGIMEN CONTRIBUTIVO DE SEGURIDAD SOCIAL EN SALUD-Nietos no est\u00e1n incluidos dentro de la cobertura familiar \u00a0 CONVENCION DE LOS DERECHOS DEL NI\u00d1O-Debe ser cumplida por el Estado Colombiano \u00a0 \u00a0 DERECHOS DEL NI\u00d1O-Protecci\u00f3n constitucional especial\u00a0 \u00a0 MENOR RECIEN NACIDO-Es ...<br \/><div class=\"pt-cv-rmwrap\"><a href=\"https:\/\/www.dmsjuridica.com\/buscador_20179478954\/corteconstitucionalcronologico202454587\/t-1199-05\/\" class=\"_self pt-cv-readmore btn btn-success\" target=\"_self\">Ver Sentencia Completa...<\/a><\/div><\/div><\/div><\/div>\n<div class=\"col-md-12 col-sm-12 col-xs-12 pt-cv-content-item pt-cv-1-col\" ><div class='pt-cv-ifield'><a href=\"https:\/\/www.dmsjuridica.com\/buscador_20179478954\/corteconstitucionalcronologico202454587\/t-1198-05\/\" class=\"_self pt-cv-href-thumbnail pt-cv-thumb-default\" target=\"_self\" ><\/a>\n<div class=\"pt-cv-taxoterm above_title\"><a href='https:\/\/www.dmsjuridica.com\/buscador_20179478954\/corteconstitucionalcronologico202454587\/category\/buscar-en-toda-la-corte\/2005\/tutelas-2005\/' title='Tutelas 2005' class='pt-cv-tax-tutelas-2005'>Tutelas 2005<\/a><\/div>\n<h4 class=\"pt-cv-title\"><a href=\"https:\/\/www.dmsjuridica.com\/buscador_20179478954\/corteconstitucionalcronologico202454587\/t-1198-05\/\" class=\"_self\" target=\"_self\" >T-1198-05<\/a><\/h4>\n<div class=\"pt-cv-content\">\u00a0 \u00a0 Sentencia T-1198\/05 \u00a0 LEGITIMACION POR ACTIVA EN TUTELA-Persona natural que act\u00faa en defensa de sus propios intereses\u00a0 \u00a0 ACCION DE TUTELA CONTRA ENTIDAD PROMOTORA DE SALUD-Suministro de medicamentos no incluidos en el POS \u00a0 DERECHO A LA SALUD-Requisitos para suministro de medicamentos excluidos del POS\u00a0 \u00a0 DERECHO A LA SALUD-Afiliada que padece diabetes la entidad se niega a suministrar medicamentos aduciendo que no son esenciales y no se encuentran en el POS\u00a0 \u00a0 Reiteraci\u00f3n de jurisprudencia\u00a0 \u00a0 Referencia: expediente T-1155047 \u00a0 Peticionario: Natalia Ivonne Hern\u00e1ndez Sierra \u00a0 Entidad accionada: RED SALUD E.P.S. \u00a0 Magistrado Ponente: \u00a0 Dr. RODRIGO ...<br \/><div class=\"pt-cv-rmwrap\"><a href=\"https:\/\/www.dmsjuridica.com\/buscador_20179478954\/corteconstitucionalcronologico202454587\/t-1198-05\/\" class=\"_self pt-cv-readmore btn btn-success\" target=\"_self\">Ver Sentencia Completa...<\/a><\/div><\/div><\/div><\/div>\n<div class=\"col-md-12 col-sm-12 col-xs-12 pt-cv-content-item pt-cv-1-col\" ><div class='pt-cv-ifield'><a href=\"https:\/\/www.dmsjuridica.com\/buscador_20179478954\/corteconstitucionalcronologico202454587\/t-119-05\/\" class=\"_self pt-cv-href-thumbnail pt-cv-thumb-default\" target=\"_self\" ><\/a>\n<div class=\"pt-cv-taxoterm above_title\"><a href='https:\/\/www.dmsjuridica.com\/buscador_20179478954\/corteconstitucionalcronologico202454587\/category\/buscar-en-toda-la-corte\/2005\/tutelas-2005\/' title='Tutelas 2005' class='pt-cv-tax-tutelas-2005'>Tutelas 2005<\/a><\/div>\n<h4 class=\"pt-cv-title\"><a href=\"https:\/\/www.dmsjuridica.com\/buscador_20179478954\/corteconstitucionalcronologico202454587\/t-119-05\/\" class=\"_self\" target=\"_self\" >T-119-05<\/a><\/h4>\n<div class=\"pt-cv-content\">\u00a0 \u00a0 Sentencia T-119\/05 \u00a0 DERECHOS DEL INDIGENTE-Protecci\u00f3n\/ESTADO-Protecci\u00f3n especial a personas en circunstancias de debilidad manifiesta \u00a0 DERECHO A LA SALUD DEL INDIGENTE-Protecci\u00f3n\/SISBEN-Participantes vinculados \u00a0 INDIGENTE-Protecci\u00f3n especial por el Estado \u00a0 Las personas de la calle merecen especial protecci\u00f3n del Estado; parte importante de esa protecci\u00f3n est\u00e1 determinada por su acceso al sistema de seguridad social en salud y, finalmente, los departamentos son unas entidades territoriales que tambi\u00e9n se encuentran vinculadas a la prestaci\u00f3n de ese servicio. \u00a0 Reiteraci\u00f3n de Jurisprudencia \u00a0 Referencia: expediente T-989891 \u00a0 Acci\u00f3n de tutela de Rodolfo de Jes\u00fas G\u00f3mez Correa contra la Direcci\u00f3n Seccional de ...<br \/><div class=\"pt-cv-rmwrap\"><a href=\"https:\/\/www.dmsjuridica.com\/buscador_20179478954\/corteconstitucionalcronologico202454587\/t-119-05\/\" class=\"_self pt-cv-readmore btn btn-success\" target=\"_self\">Ver Sentencia Completa...<\/a><\/div><\/div><\/div><\/div>\n<div class=\"col-md-12 col-sm-12 col-xs-12 pt-cv-content-item pt-cv-1-col\" ><div class='pt-cv-ifield'><a href=\"https:\/\/www.dmsjuridica.com\/buscador_20179478954\/corteconstitucionalcronologico202454587\/t-1186-05\/\" class=\"_self pt-cv-href-thumbnail pt-cv-thumb-default\" target=\"_self\" ><\/a>\n<div class=\"pt-cv-taxoterm above_title\"><a href='https:\/\/www.dmsjuridica.com\/buscador_20179478954\/corteconstitucionalcronologico202454587\/category\/buscar-en-toda-la-corte\/2005\/tutelas-2005\/' title='Tutelas 2005' class='pt-cv-tax-tutelas-2005'>Tutelas 2005<\/a><\/div>\n<h4 class=\"pt-cv-title\"><a href=\"https:\/\/www.dmsjuridica.com\/buscador_20179478954\/corteconstitucionalcronologico202454587\/t-1186-05\/\" class=\"_self\" target=\"_self\" >T-1186-05<\/a><\/h4>\n<div class=\"pt-cv-content\">\u00a0 \u00a0 Sentencia T-1186\/05 \u00a0 DERECHO A LA INFORMACION Y DEBIDO PROCESO-Vulneraci\u00f3n por informaci\u00f3n insuficiente\/PRINCIPIO DE PUBLICIDAD-Vulneraci\u00f3n \u00a0 PRINCIPIO DE LA BUENA FE-Alcance\/ACTO PROPIO-Respeto \u00a0 DERECHO A LA INFORMACION-Redenominaci\u00f3n de cr\u00e9ditos hipotecarios \u00a0 ACCION DE TUTELA CONTRA ENTIDAD BANCARIA-Modificaci\u00f3n unilateral del contrato de mutuo para adquisici\u00f3n de vivienda\u00a0 \u00a0 ACCION DE TUTELA CONTRA ENTIDAD BANCARIA-Autorizaci\u00f3n de los deudores para modificar las condiciones de los cr\u00e9ditos otorgados \u00a0 ENTIDAD BANCARIA-Prohibici\u00f3n de atentar contra los principios de acto propio y abuso de la posici\u00f3n dominante \u00a0 ENTIDAD BANCARIA-Al modificar unilateralmente las condiciones vulnera el derecho al debido proceso del usuario \u00a0 JURISDICCION ...<br \/><div class=\"pt-cv-rmwrap\"><a href=\"https:\/\/www.dmsjuridica.com\/buscador_20179478954\/corteconstitucionalcronologico202454587\/t-1186-05\/\" class=\"_self pt-cv-readmore btn btn-success\" target=\"_self\">Ver Sentencia Completa...<\/a><\/div><\/div><\/div><\/div>\n<div class=\"col-md-12 col-sm-12 col-xs-12 pt-cv-content-item pt-cv-1-col\" ><div class='pt-cv-ifield'><a href=\"https:\/\/www.dmsjuridica.com\/buscador_20179478954\/corteconstitucionalcronologico202454587\/t-1185-05\/\" class=\"_self pt-cv-href-thumbnail pt-cv-thumb-default\" target=\"_self\" ><\/a>\n<div class=\"pt-cv-taxoterm above_title\"><a href='https:\/\/www.dmsjuridica.com\/buscador_20179478954\/corteconstitucionalcronologico202454587\/category\/buscar-en-toda-la-corte\/2005\/tutelas-2005\/' title='Tutelas 2005' class='pt-cv-tax-tutelas-2005'>Tutelas 2005<\/a><\/div>\n<h4 class=\"pt-cv-title\"><a href=\"https:\/\/www.dmsjuridica.com\/buscador_20179478954\/corteconstitucionalcronologico202454587\/t-1185-05\/\" class=\"_self\" target=\"_self\" >T-1185-05<\/a><\/h4>\n<div class=\"pt-cv-content\">\u00a0 \u00a0 Sentencia T-1185\/05 \u00a0 TEMERIDAD-Sentido y alcance\u00a0 \u00a0 TEMERIDAD-No se configura cuando el m\u00e9dico tratante prescribe nuevamente el suministro del medicamento\u00a0 \u00a0 DERECHO A LA SALUD-Fundamental por conexidad con la vida \u00a0 La conexidad del derecho a la salud con el derecho a la vida puede enmarcarse dentro del contexto de dignidad humana, por lo cual, los riesgos contra la vida no pueden entenderse \u00fanica y exclusivamente en un estricto sentido formal. La jurisprudencia constitucional sobre este aspecto ha determinado que el derecho a la vida no se limita a la idea restrictiva de peligro de muerte, que dar\u00eda ...<br \/><div class=\"pt-cv-rmwrap\"><a href=\"https:\/\/www.dmsjuridica.com\/buscador_20179478954\/corteconstitucionalcronologico202454587\/t-1185-05\/\" class=\"_self pt-cv-readmore btn btn-success\" target=\"_self\">Ver Sentencia Completa...<\/a><\/div><\/div><\/div><\/div>\n<div class=\"col-md-12 col-sm-12 col-xs-12 pt-cv-content-item pt-cv-1-col\" ><div class='pt-cv-ifield'><a href=\"https:\/\/www.dmsjuridica.com\/buscador_20179478954\/corteconstitucionalcronologico202454587\/t-1184-05\/\" class=\"_self pt-cv-href-thumbnail pt-cv-thumb-default\" target=\"_self\" ><\/a>\n<div class=\"pt-cv-taxoterm above_title\"><a href='https:\/\/www.dmsjuridica.com\/buscador_20179478954\/corteconstitucionalcronologico202454587\/category\/buscar-en-toda-la-corte\/2005\/tutelas-2005\/' title='Tutelas 2005' class='pt-cv-tax-tutelas-2005'>Tutelas 2005<\/a><\/div>\n<h4 class=\"pt-cv-title\"><a href=\"https:\/\/www.dmsjuridica.com\/buscador_20179478954\/corteconstitucionalcronologico202454587\/t-1184-05\/\" class=\"_self\" target=\"_self\" >T-1184-05<\/a><\/h4>\n<div class=\"pt-cv-content\">\u00a0 \u00a0 Sentencia T-1184\/05 \u00a0 ACCION DE TUTELA-Improcedencia cuando existe otra v\u00eda de defensa judicial \u00a0 la acci\u00f3n de tutela contra providencias judiciales se torna improcedente cuando no han sido agotados los recursos que contra ellas proceden, esto implica no solo el haberlos intentado, sino tambi\u00e9n el esperar a su decisi\u00f3n por parte del Juez, pues no puede presumirse una decisi\u00f3n adversa antes de que efectivamente el funcionario judicial decida en derecho el recurso interpuesto, pues de hacerlo, se convertir\u00eda este medio subsidiario de defensa judicial, en una nueva instancia dentro de un proceso en el que por negligencia o ...<br \/><div class=\"pt-cv-rmwrap\"><a href=\"https:\/\/www.dmsjuridica.com\/buscador_20179478954\/corteconstitucionalcronologico202454587\/t-1184-05\/\" class=\"_self pt-cv-readmore btn btn-success\" target=\"_self\">Ver Sentencia Completa...<\/a><\/div><\/div><\/div><\/div>\n<div class=\"col-md-12 col-sm-12 col-xs-12 pt-cv-content-item pt-cv-1-col\" ><div class='pt-cv-ifield'><a href=\"https:\/\/www.dmsjuridica.com\/buscador_20179478954\/corteconstitucionalcronologico202454587\/t-1183-05\/\" class=\"_self pt-cv-href-thumbnail pt-cv-thumb-default\" target=\"_self\" ><\/a>\n<div class=\"pt-cv-taxoterm above_title\"><a href='https:\/\/www.dmsjuridica.com\/buscador_20179478954\/corteconstitucionalcronologico202454587\/category\/buscar-en-toda-la-corte\/2005\/tutelas-2005\/' title='Tutelas 2005' class='pt-cv-tax-tutelas-2005'>Tutelas 2005<\/a><\/div>\n<h4 class=\"pt-cv-title\"><a href=\"https:\/\/www.dmsjuridica.com\/buscador_20179478954\/corteconstitucionalcronologico202454587\/t-1183-05\/\" class=\"_self\" target=\"_self\" >T-1183-05<\/a><\/h4>\n<div class=\"pt-cv-content\">\u00a0 \u00a0 Sentencia T-1183\/05 \u00a0 MADRE CABEZA DE FAMILIA-Significado y alcance de la protecci\u00f3n constitucional en procesos de reforma institucional \u00a0 MADRE CABEZA DE FAMILIA-Protecci\u00f3n involucra a toda la familia especialmente a menores y discapacitados \u00a0 MADRE CABEZA DE FAMILIA-No existe limitaci\u00f3n en el tiempo para interponer la acci\u00f3n de amparo y solicitar el reintegro \u00a0 No existe ninguna raz\u00f3n para que se reduzca el lapso de tiempo en el cual es posible que una madre cabeza de familia pueda interponer la acci\u00f3n de tutela y pretender el reintegro respectivo. \u00a0Actuar de esta manera constituye una vulneraci\u00f3n del derecho a ...<br \/><div class=\"pt-cv-rmwrap\"><a href=\"https:\/\/www.dmsjuridica.com\/buscador_20179478954\/corteconstitucionalcronologico202454587\/t-1183-05\/\" class=\"_self pt-cv-readmore btn btn-success\" target=\"_self\">Ver Sentencia Completa...<\/a><\/div><\/div><\/div><\/div>\n<div class=\"col-md-12 col-sm-12 col-xs-12 pt-cv-content-item pt-cv-1-col\" ><div class='pt-cv-ifield'><a href=\"https:\/\/www.dmsjuridica.com\/buscador_20179478954\/corteconstitucionalcronologico202454587\/t-1182-05\/\" class=\"_self pt-cv-href-thumbnail pt-cv-thumb-default\" target=\"_self\" ><\/a>\n<div class=\"pt-cv-taxoterm above_title\"><a href='https:\/\/www.dmsjuridica.com\/buscador_20179478954\/corteconstitucionalcronologico202454587\/category\/buscar-en-toda-la-corte\/2005\/tutelas-2005\/' title='Tutelas 2005' class='pt-cv-tax-tutelas-2005'>Tutelas 2005<\/a><\/div>\n<h4 class=\"pt-cv-title\"><a href=\"https:\/\/www.dmsjuridica.com\/buscador_20179478954\/corteconstitucionalcronologico202454587\/t-1182-05\/\" class=\"_self\" target=\"_self\" >T-1182-05<\/a><\/h4>\n<div class=\"pt-cv-content\">\u00a0 \u00a0 Sentencia T-1182\/05 \u00a0 PROTECCION CONSTITUCIONAL A PERSONAS DISCAPACITADAS-Se Fundamenta en el respeto a la dignidad humana \u00a0 DERECHO A LA IGUALDAD-Protecci\u00f3n de personas en circunstancias de debilidad manifiesta \u00a0 DERECHO A LA SALUD DEL DISMINUIDO FISICO-Protecci\u00f3n\u00a0 \u00a0 DERECHO A LA SEGURIDAD SOCIAL-Situaci\u00f3n de personas en circunstancias de debilidad manifiesta \u00a0 ACCION DE TUTELA-Procedencia excepcional para resolver conflictos relacionados con reconocimiento o reliquidaci\u00f3n de prestaciones sociales\u00a0 \u00a0 ACCION DE TUTELA-Procedencia excepcional cuando se evidencia perjuicio irremediable\u00a0 \u00a0 ACCION DE TUTELA-Recursos que la hacen improcedente deben ser id\u00f3neos y eficaces\u00a0 \u00a0 ACCION DE TUTELA-Conflictos entre entidades administradoras de pensiones no ...<br \/><div class=\"pt-cv-rmwrap\"><a href=\"https:\/\/www.dmsjuridica.com\/buscador_20179478954\/corteconstitucionalcronologico202454587\/t-1182-05\/\" class=\"_self pt-cv-readmore btn btn-success\" target=\"_self\">Ver Sentencia Completa...<\/a><\/div><\/div><\/div><\/div>\n<div class=\"col-md-12 col-sm-12 col-xs-12 pt-cv-content-item pt-cv-1-col\" ><div class='pt-cv-ifield'><a href=\"https:\/\/www.dmsjuridica.com\/buscador_20179478954\/corteconstitucionalcronologico202454587\/t-1181-05\/\" class=\"_self pt-cv-href-thumbnail pt-cv-thumb-default\" target=\"_self\" ><\/a>\n<div class=\"pt-cv-taxoterm above_title\"><a href='https:\/\/www.dmsjuridica.com\/buscador_20179478954\/corteconstitucionalcronologico202454587\/category\/buscar-en-toda-la-corte\/2005\/tutelas-2005\/' title='Tutelas 2005' class='pt-cv-tax-tutelas-2005'>Tutelas 2005<\/a><\/div>\n<h4 class=\"pt-cv-title\"><a href=\"https:\/\/www.dmsjuridica.com\/buscador_20179478954\/corteconstitucionalcronologico202454587\/t-1181-05\/\" class=\"_self\" target=\"_self\" >T-1181-05<\/a><\/h4>\n<div class=\"pt-cv-content\">\u00a0 \u00a0 Sentencia T-1181\/05 \u00a0 VIA DE HECHO EN PROCESO EJECUTIVO-Terminaci\u00f3n del proceso por reliquidaci\u00f3n del cr\u00e9dito de UPAC \u00a0 VIA DE HECHO-Defecto sustantivo \u00a0 LEY 546 de 1999-Doctrina de la Corte Constitucional sobre el art\u00edculo 42 par\u00e1grafo 3 \u00a0 PROCESO EJECUTIVO HIPOTECARIO-Terminaci\u00f3n al entrar en vigencia Ley 546\/99\u00a0 \u00a0 PROCESO EJECUTIVO HIPOTECARIO-Evoluci\u00f3n jurisprudencial \u00a0 JUEZ CIVIL-Requisitos para dar por terminados procesos ejecutivos hipotecarios \u00a0 Para que un juez civil deba dar por terminado un proceso ejecutivo hipotecario iniciado para el cobro de un cr\u00e9dito destinado a la financiaci\u00f3n de vivienda individual de largo plazo, deben confluir \u00fanicamente dos condiciones: ...<br \/><div class=\"pt-cv-rmwrap\"><a href=\"https:\/\/www.dmsjuridica.com\/buscador_20179478954\/corteconstitucionalcronologico202454587\/t-1181-05\/\" class=\"_self pt-cv-readmore btn btn-success\" target=\"_self\">Ver Sentencia Completa...<\/a><\/div><\/div><\/div><\/div>\n<div class=\"col-md-12 col-sm-12 col-xs-12 pt-cv-content-item pt-cv-1-col\" ><div class='pt-cv-ifield'><a href=\"https:\/\/www.dmsjuridica.com\/buscador_20179478954\/corteconstitucionalcronologico202454587\/t-1180-05\/\" class=\"_self pt-cv-href-thumbnail pt-cv-thumb-default\" target=\"_self\" ><\/a>\n<div class=\"pt-cv-taxoterm above_title\"><a href='https:\/\/www.dmsjuridica.com\/buscador_20179478954\/corteconstitucionalcronologico202454587\/category\/buscar-en-toda-la-corte\/2005\/tutelas-2005\/' title='Tutelas 2005' class='pt-cv-tax-tutelas-2005'>Tutelas 2005<\/a><\/div>\n<h4 class=\"pt-cv-title\"><a href=\"https:\/\/www.dmsjuridica.com\/buscador_20179478954\/corteconstitucionalcronologico202454587\/t-1180-05\/\" class=\"_self\" target=\"_self\" >T-1180-05<\/a><\/h4>\n<div class=\"pt-cv-content\">\u00a0 \u00a0 Sentencia T-1180\/05 \u00a0 DERECHO A LA VIDA DIGNA DE PERSONAS PRIVADAS DE LA LIBERTAD-Entrega peri\u00f3dica de elementos de aseo\/DERECHO A LA IGUALDAD DEL INTERNO-Suministro de elementos de aseo\/ESTABLECIMIENTO CARCELARIO-Suministro peri\u00f3dico y a tiempo de elementos de aseo \u00a0 - Reiteraci\u00f3n de jurisprudencia - \u00a0 Referencia: expediente T-1159460 \u00a0 Acci\u00f3n de tutela interpuesta por Jos\u00e9 Thomas Cort\u00e9s Barrera contra el Instituto Nacional Penitenciario y Carcelario \u2013 Inpec. \u00a0 Magistrado Ponente: \u00a0 Dr. JAIME C\u00d3RDOBA TRIVI\u00d1O \u00a0 Bogot\u00e1, D. C., dieciocho (18) de noviembre de dos mil cinco (2005).\u00a0 \u00a0 La Sala Cuarta de Revisi\u00f3n de la Corte Constitucional, en ...<br \/><div class=\"pt-cv-rmwrap\"><a href=\"https:\/\/www.dmsjuridica.com\/buscador_20179478954\/corteconstitucionalcronologico202454587\/t-1180-05\/\" class=\"_self pt-cv-readmore btn btn-success\" target=\"_self\">Ver Sentencia Completa...<\/a><\/div><\/div><\/div><\/div>\n<div class=\"col-md-12 col-sm-12 col-xs-12 pt-cv-content-item pt-cv-1-col\" ><div class='pt-cv-ifield'><a href=\"https:\/\/www.dmsjuridica.com\/buscador_20179478954\/corteconstitucionalcronologico202454587\/t-118-05\/\" class=\"_self pt-cv-href-thumbnail pt-cv-thumb-default\" target=\"_self\" ><\/a>\n<div class=\"pt-cv-taxoterm above_title\"><a href='https:\/\/www.dmsjuridica.com\/buscador_20179478954\/corteconstitucionalcronologico202454587\/category\/buscar-en-toda-la-corte\/2005\/tutelas-2005\/' title='Tutelas 2005' class='pt-cv-tax-tutelas-2005'>Tutelas 2005<\/a><\/div>\n<h4 class=\"pt-cv-title\"><a href=\"https:\/\/www.dmsjuridica.com\/buscador_20179478954\/corteconstitucionalcronologico202454587\/t-118-05\/\" class=\"_self\" target=\"_self\" >T-118-05<\/a><\/h4>\n<div class=\"pt-cv-content\">\u00a0 \u00a0 Sentencia T-118\/05 \u00a0 ACCION DE TUTELA-Improcedencia para reclamar acreencias laborales no reconocidas\/ACCION DE TUTELA-Improcedencia contra derechos inciertos \u00a0 PERSONA DE LA TERCERA EDAD-Protecci\u00f3n constitucional especial \u00a0 ACCION DE TUTELA FRENTE A MEDIO DE DEFENSA JUDICIAL-Procedencia excepcional como mecanismo transitorio para evitar un perjuicio irremediable \u00a0 Reiteraci\u00f3n de jurisprudencia \u00a0 Referencia: expediente T-984134 \u00a0 Acci\u00f3n de tutela instaurada por Sixta Tulia Lasso de Mina contra el Seguro Social seccional Cauca.\u00a0 \u00a0 Magistrado Ponente: \u00a0 Dr. JAIME C\u00d3RDOBA TRIVI\u00d1O \u00a0 Bogot\u00e1, D.C., once (11) de febrero de dos mil cinco (2005). \u00a0 La Sala Cuarta de Revisi\u00f3n de la Corte ...<br \/><div class=\"pt-cv-rmwrap\"><a href=\"https:\/\/www.dmsjuridica.com\/buscador_20179478954\/corteconstitucionalcronologico202454587\/t-118-05\/\" class=\"_self pt-cv-readmore btn btn-success\" target=\"_self\">Ver Sentencia Completa...<\/a><\/div><\/div><\/div><\/div>\n<div class=\"col-md-12 col-sm-12 col-xs-12 pt-cv-content-item pt-cv-1-col\" ><div class='pt-cv-ifield'><a href=\"https:\/\/www.dmsjuridica.com\/buscador_20179478954\/corteconstitucionalcronologico202454587\/t-117-05\/\" class=\"_self pt-cv-href-thumbnail pt-cv-thumb-default\" target=\"_self\" ><\/a>\n<div class=\"pt-cv-taxoterm above_title\"><a href='https:\/\/www.dmsjuridica.com\/buscador_20179478954\/corteconstitucionalcronologico202454587\/category\/buscar-en-toda-la-corte\/2005\/tutelas-2005\/' title='Tutelas 2005' class='pt-cv-tax-tutelas-2005'>Tutelas 2005<\/a><\/div>\n<h4 class=\"pt-cv-title\"><a href=\"https:\/\/www.dmsjuridica.com\/buscador_20179478954\/corteconstitucionalcronologico202454587\/t-117-05\/\" class=\"_self\" target=\"_self\" >T-117-05<\/a><\/h4>\n<div class=\"pt-cv-content\">\u00a0 \u00a0 Sentencia T-117\/05 \u00a0 DERECHO A LA SALUD-Fundamental por conexidad\/DERECHO A LA VIDA DIGNA-Condiciones de gravedad \u00a0 DERECHOS FUNDAMENTALES-Protecci\u00f3n preventiva no solamente en caso de gravedad \u00a0 En este sentido se tiene establecido por la jurisprudencia de esta Corporaci\u00f3n que la tutela puede ser procedente no solo ante circunstancias graves que tengan la idoneidad de hacer desaparecer en su totalidad el derecho, sino ante eventos que puedan ser de menor gravedad pero que perturben el n\u00facleo esencial del mismo y tengan la posibilidad de desvirtuar claramente la vida digna y la calidad de la misma en las personas, en ...<br \/><div class=\"pt-cv-rmwrap\"><a href=\"https:\/\/www.dmsjuridica.com\/buscador_20179478954\/corteconstitucionalcronologico202454587\/t-117-05\/\" class=\"_self pt-cv-readmore btn btn-success\" target=\"_self\">Ver Sentencia Completa...<\/a><\/div><\/div><\/div><\/div>\n<div class=\"col-md-12 col-sm-12 col-xs-12 pt-cv-content-item pt-cv-1-col\" ><div class='pt-cv-ifield'><a href=\"https:\/\/www.dmsjuridica.com\/buscador_20179478954\/corteconstitucionalcronologico202454587\/t-1168-05\/\" class=\"_self pt-cv-href-thumbnail pt-cv-thumb-default\" target=\"_self\" ><\/a>\n<div class=\"pt-cv-taxoterm above_title\"><a href='https:\/\/www.dmsjuridica.com\/buscador_20179478954\/corteconstitucionalcronologico202454587\/category\/buscar-en-toda-la-corte\/2005\/tutelas-2005\/' title='Tutelas 2005' class='pt-cv-tax-tutelas-2005'>Tutelas 2005<\/a><\/div>\n<h4 class=\"pt-cv-title\"><a href=\"https:\/\/www.dmsjuridica.com\/buscador_20179478954\/corteconstitucionalcronologico202454587\/t-1168-05\/\" class=\"_self\" target=\"_self\" >T-1168-05<\/a><\/h4>\n<div class=\"pt-cv-content\">\u00a0 \u00a0 Sentencia T-1168\/05 \u00a0 LICENCIA DE MATERNIDAD-Protecci\u00f3n constitucional\u00a0 \u00a0 LICENCIA DE MATERNIDAD-Procedencia excepcional de tutela para el pago \u00a0 DERECHO A LA LICENCIA DE MATERNIDAD-Fundamental por conexidad con el m\u00ednimo vital de la madre y el hijo reci\u00e9n nacido \u00a0 ENTIDAD PROMOTORA DE SALUD-No puede negar el pago de la licencia de maternidad excus\u00e1ndose en que los pagos fueron extempor\u00e1neos\/ALLANAMIENTO A LA MORA \u00a0 El pago extempor\u00e1neo de las cotizaciones realizadas ante las E.P.S. no es causa suficiente para denegar el reconocimiento de una prestaci\u00f3n econ\u00f3mica, cuando tales pagos han sido recibidos por la E.P.S. encargada de reconocer los ...<br \/><div class=\"pt-cv-rmwrap\"><a href=\"https:\/\/www.dmsjuridica.com\/buscador_20179478954\/corteconstitucionalcronologico202454587\/t-1168-05\/\" class=\"_self pt-cv-readmore btn btn-success\" target=\"_self\">Ver Sentencia Completa...<\/a><\/div><\/div><\/div><\/div>\n<div class=\"col-md-12 col-sm-12 col-xs-12 pt-cv-content-item pt-cv-1-col\" ><div class='pt-cv-ifield'><a href=\"https:\/\/www.dmsjuridica.com\/buscador_20179478954\/corteconstitucionalcronologico202454587\/t-1167-05\/\" class=\"_self pt-cv-href-thumbnail pt-cv-thumb-default\" target=\"_self\" ><\/a>\n<div class=\"pt-cv-taxoterm above_title\"><a href='https:\/\/www.dmsjuridica.com\/buscador_20179478954\/corteconstitucionalcronologico202454587\/category\/buscar-en-toda-la-corte\/2005\/tutelas-2005\/' title='Tutelas 2005' class='pt-cv-tax-tutelas-2005'>Tutelas 2005<\/a><\/div>\n<h4 class=\"pt-cv-title\"><a href=\"https:\/\/www.dmsjuridica.com\/buscador_20179478954\/corteconstitucionalcronologico202454587\/t-1167-05\/\" class=\"_self\" target=\"_self\" >T-1167-05<\/a><\/h4>\n<div class=\"pt-cv-content\">\u00a0 \u00a0 Sentencia T-1167\/05 \u00a0 ACCIONES AFIRMATIVAS-Soporte constitucional\/PROCESO DE REESTRUCTURACION ADMINISTRATIVA DE ENTIDADES DEL ESTADO-Fundamentos \u00a0 RETEN SOCIAL-Protecci\u00f3n especial a trabajadores en condiciones de debilidad manifiesta\/PADRE CABEZA DE FAMILIA-Indemnizaci\u00f3n \u00faltima alternativa en procesos de reestructuraci\u00f3n \u00a0 PADRE Y MADRE CABEZA DE FAMILIA Y PERSONAS DISCAPACITADAS-Limitaci\u00f3n a la protecci\u00f3n reforzada fijada en la ley 813\/03 declarada inconstitucional por la sentencia C-991\/04 \u00a0 Referencia: expediente T-1155103 \u00a0 Acci\u00f3n de tutela instaurada por Eduardo Emiro Claro Jure contra la Empresa Nacional de Telecomunicaciones TELECOM en liquidaci\u00f3n representada legalmente por la Fiduciaria la Previsora. \u00a0 Magistrado Ponente: \u00a0 \u00a0 Dr. HUMBERTO ANTONIO SIERRA PORTO ...<br \/><div class=\"pt-cv-rmwrap\"><a href=\"https:\/\/www.dmsjuridica.com\/buscador_20179478954\/corteconstitucionalcronologico202454587\/t-1167-05\/\" class=\"_self pt-cv-readmore btn btn-success\" target=\"_self\">Ver Sentencia Completa...<\/a><\/div><\/div><\/div><\/div>\n<div class=\"col-md-12 col-sm-12 col-xs-12 pt-cv-content-item pt-cv-1-col\" ><div class='pt-cv-ifield'><a href=\"https:\/\/www.dmsjuridica.com\/buscador_20179478954\/corteconstitucionalcronologico202454587\/t-1166-05\/\" class=\"_self pt-cv-href-thumbnail pt-cv-thumb-default\" target=\"_self\" ><\/a>\n<div class=\"pt-cv-taxoterm above_title\"><a href='https:\/\/www.dmsjuridica.com\/buscador_20179478954\/corteconstitucionalcronologico202454587\/category\/buscar-en-toda-la-corte\/2005\/tutelas-2005\/' title='Tutelas 2005' class='pt-cv-tax-tutelas-2005'>Tutelas 2005<\/a><\/div>\n<h4 class=\"pt-cv-title\"><a href=\"https:\/\/www.dmsjuridica.com\/buscador_20179478954\/corteconstitucionalcronologico202454587\/t-1166-05\/\" class=\"_self\" target=\"_self\" >T-1166-05<\/a><\/h4>\n<div class=\"pt-cv-content\">\u00a0 \u00a0 Sentencia T-1166\/05 \u00a0 ACCION DE TUTELA CONTRA ENTIDAD PROMOTORA DE SALUD-Suministro y entrega oportuna a menor de edad del medicamento Keppra \u00a0 DERECHO A LA SALUD DEL NI\u00d1O-Fundamental\u00a0 \u00a0 Para que se proteja el derecho a la salud de un menor de edad por medio de la acci\u00f3n de tutela, no es necesario que el mismo se encuentre en conexidad con otro derecho fundamental, por cuanto en el caso de los ni\u00f1os dicho derecho es en si mismo fundamental y como tal \u00a0debe tener la protecci\u00f3n del Estado y de los particulares. \u00a0 JUEZ DE TUTELA-Prevalencia del dictamen ...<br \/><div class=\"pt-cv-rmwrap\"><a href=\"https:\/\/www.dmsjuridica.com\/buscador_20179478954\/corteconstitucionalcronologico202454587\/t-1166-05\/\" class=\"_self pt-cv-readmore btn btn-success\" target=\"_self\">Ver Sentencia Completa...<\/a><\/div><\/div><\/div><\/div>\n<div class=\"col-md-12 col-sm-12 col-xs-12 pt-cv-content-item pt-cv-1-col\" ><div class='pt-cv-ifield'><a href=\"https:\/\/www.dmsjuridica.com\/buscador_20179478954\/corteconstitucionalcronologico202454587\/t-1165-05\/\" class=\"_self pt-cv-href-thumbnail pt-cv-thumb-default\" target=\"_self\" ><\/a>\n<div class=\"pt-cv-taxoterm above_title\"><a href='https:\/\/www.dmsjuridica.com\/buscador_20179478954\/corteconstitucionalcronologico202454587\/category\/buscar-en-toda-la-corte\/2005\/tutelas-2005\/' title='Tutelas 2005' class='pt-cv-tax-tutelas-2005'>Tutelas 2005<\/a><\/div>\n<h4 class=\"pt-cv-title\"><a href=\"https:\/\/www.dmsjuridica.com\/buscador_20179478954\/corteconstitucionalcronologico202454587\/t-1165-05\/\" class=\"_self\" target=\"_self\" >T-1165-05<\/a><\/h4>\n<div class=\"pt-cv-content\">\u00a0 \u00a0 Sentencia T-1165\/05 \u00a0 DERECHO A LA SALUD-Fundamental por conexidad\u00a0 \u00a0 PRINCIPIO DE CONTINUIDAD-Fundamento constitucional y legal \u00a0 El fundamento de aplicaci\u00f3n de la continuidad al r\u00e9gimen de seguridad social, y en especial al r\u00e9gimen de salud, obedece a dos razones fundamentales. En primer lugar, la continuidad constituye una caracter\u00edstica esencial de todo servicio p\u00fablico, de modo que siendo la seguridad social en salud un servicio p\u00fablico obligatorio, su prestaci\u00f3n debe ser regular y continua, sin interrupciones, salvo que exista una causa legal que lo \u00a0justifique y siempre que la misma encuentre ajustada a las garant\u00edas y derechos constitucionales ...<br \/><div class=\"pt-cv-rmwrap\"><a href=\"https:\/\/www.dmsjuridica.com\/buscador_20179478954\/corteconstitucionalcronologico202454587\/t-1165-05\/\" class=\"_self pt-cv-readmore btn btn-success\" target=\"_self\">Ver Sentencia Completa...<\/a><\/div><\/div><\/div><\/div>\n<div class=\"col-md-12 col-sm-12 col-xs-12 pt-cv-content-item pt-cv-1-col\" ><div class='pt-cv-ifield'><a href=\"https:\/\/www.dmsjuridica.com\/buscador_20179478954\/corteconstitucionalcronologico202454587\/t-1164-05\/\" class=\"_self pt-cv-href-thumbnail pt-cv-thumb-default\" target=\"_self\" ><\/a>\n<div class=\"pt-cv-taxoterm above_title\"><a href='https:\/\/www.dmsjuridica.com\/buscador_20179478954\/corteconstitucionalcronologico202454587\/category\/buscar-en-toda-la-corte\/2005\/tutelas-2005\/' title='Tutelas 2005' class='pt-cv-tax-tutelas-2005'>Tutelas 2005<\/a><\/div>\n<h4 class=\"pt-cv-title\"><a href=\"https:\/\/www.dmsjuridica.com\/buscador_20179478954\/corteconstitucionalcronologico202454587\/t-1164-05\/\" class=\"_self\" target=\"_self\" >T-1164-05<\/a><\/h4>\n<div class=\"pt-cv-content\">\u00a0 \u00a0 Sentencia T-1164\/05 \u00a0 ACCION DE TUTELA CONTRA ENTIDAD PROMOTORA DE SALUD\u00a0 \u00a0 ACCION DE TUTELA-Requisitos para suministro de medicamentos no incluidos en el POS \u00a0 DERECHO A LA SALUD-Fundamental por conexidad con la vida \u00a0 \u00a0 COMITE TECNICO CIENTIFICO DE ENTIDAD PROMOTORA DE SALUD-No es una instancia m\u00e1s entre los usuarios y la EPS \u00a0 La funci\u00f3n del Comit\u00e9 T\u00e9cnico Cient\u00edfico no puede concebirse como una instancia m\u00e1s, entre los usuarios y la EPS, por tanto, \u00e9stas no pueden imponer como requisito de acceso a un servicio de salud el cumplimiento de cargas administrativas propias de un tr\u00e1mite ...<br \/><div class=\"pt-cv-rmwrap\"><a href=\"https:\/\/www.dmsjuridica.com\/buscador_20179478954\/corteconstitucionalcronologico202454587\/t-1164-05\/\" class=\"_self pt-cv-readmore btn btn-success\" target=\"_self\">Ver Sentencia Completa...<\/a><\/div><\/div><\/div><\/div>\n<div class=\"col-md-12 col-sm-12 col-xs-12 pt-cv-content-item pt-cv-1-col\" ><div class='pt-cv-ifield'><a href=\"https:\/\/www.dmsjuridica.com\/buscador_20179478954\/corteconstitucionalcronologico202454587\/t-1163-05\/\" class=\"_self pt-cv-href-thumbnail pt-cv-thumb-default\" target=\"_self\" ><\/a>\n<div class=\"pt-cv-taxoterm above_title\"><a href='https:\/\/www.dmsjuridica.com\/buscador_20179478954\/corteconstitucionalcronologico202454587\/category\/buscar-en-toda-la-corte\/2005\/tutelas-2005\/' title='Tutelas 2005' class='pt-cv-tax-tutelas-2005'>Tutelas 2005<\/a><\/div>\n<h4 class=\"pt-cv-title\"><a href=\"https:\/\/www.dmsjuridica.com\/buscador_20179478954\/corteconstitucionalcronologico202454587\/t-1163-05\/\" class=\"_self\" target=\"_self\" >T-1163-05<\/a><\/h4>\n<div class=\"pt-cv-content\">\u00a0 \u00a0 Sentencia T-1163\/05 \u00a0 PRINCIPIO DE CONTINUIDAD EN EL SERVICIO PUBLICO DE SALUD-Prestaci\u00f3n sin interrupci\u00f3n \u00a0 FINES DEL ESTADO-Prestaci\u00f3n de los servicios p\u00fablicos \u00a0 PRINCIPIO DE CONTINUIDAD-Fundamento constitucional y legal \u00a0 ENTIDAD PROMOTORA DE SALUD-Prohibici\u00f3n de suspender tratamiento o medicamento necesarios para salvaguardar la vida \u00a0 SERVICIO PUBLICO DE SALUD-Inadmisibilidad de interrupci\u00f3n del servicio m\u00e9dico \u00a0 SERVICIO DE SALUD-Prohibici\u00f3n de interrupci\u00f3n cuando de \u00e9l depende la vida y la integridad de las personas \u00a0 PRINCIPIO DE CONTINUIDAD EN EL SERVICIO PUBLICO DE SALUD-Finalidad \u00a0 ACCION DE TUTELA-Hecho superado por haberse comprobado el reconocimiento de la pensi\u00f3n de invalidez y ...<br \/><div class=\"pt-cv-rmwrap\"><a href=\"https:\/\/www.dmsjuridica.com\/buscador_20179478954\/corteconstitucionalcronologico202454587\/t-1163-05\/\" class=\"_self pt-cv-readmore btn btn-success\" target=\"_self\">Ver Sentencia Completa...<\/a><\/div><\/div><\/div><\/div>\n<div class=\"col-md-12 col-sm-12 col-xs-12 pt-cv-content-item pt-cv-1-col\" ><div class='pt-cv-ifield'><a href=\"https:\/\/www.dmsjuridica.com\/buscador_20179478954\/corteconstitucionalcronologico202454587\/t-1162-05\/\" class=\"_self pt-cv-href-thumbnail pt-cv-thumb-default\" target=\"_self\" ><\/a>\n<div class=\"pt-cv-taxoterm above_title\"><a href='https:\/\/www.dmsjuridica.com\/buscador_20179478954\/corteconstitucionalcronologico202454587\/category\/buscar-en-toda-la-corte\/2005\/tutelas-2005\/' title='Tutelas 2005' class='pt-cv-tax-tutelas-2005'>Tutelas 2005<\/a><\/div>\n<h4 class=\"pt-cv-title\"><a href=\"https:\/\/www.dmsjuridica.com\/buscador_20179478954\/corteconstitucionalcronologico202454587\/t-1162-05\/\" class=\"_self\" target=\"_self\" >T-1162-05<\/a><\/h4>\n<div class=\"pt-cv-content\">\u00a0 \u00a0 Sentencia T-1162\/05 \u00a0 DEBIDO PROCESO ADMINISTRATIVO-Sentido y alcance \u00a0 ACCION DE TUTELA-Procedencia excepcional cuando no existen recursos eficaces o cuando se evidencia perjuicio irremediable\u00a0 \u00a0 ACTO ADMINISTRATIVO-Motivaci\u00f3n de la desvinculaci\u00f3n de funcionario que ejerce en provisionalidad cargo de carrera administrativa \u00a0 DEBIDO PROCESO-No existe mecanismo judicial orientado a obtener la motivaci\u00f3n de un acto administrativo \u00a0 CARGO DE LIBRE NOMBRAMIENTO Y REMOCION-Desvinculaci\u00f3n no necesita motivaci\u00f3n\u00a0 \u00a0 La Corte ha reiterado que, por regla general, todos los actos administrativos por medio de los cuales se desvincula a una persona de su cargo debe ser motivado. No obstante, ha aclarado ...<br \/><div class=\"pt-cv-rmwrap\"><a href=\"https:\/\/www.dmsjuridica.com\/buscador_20179478954\/corteconstitucionalcronologico202454587\/t-1162-05\/\" class=\"_self pt-cv-readmore btn btn-success\" target=\"_self\">Ver Sentencia Completa...<\/a><\/div><\/div><\/div><\/div>\n<div class=\"col-md-12 col-sm-12 col-xs-12 pt-cv-content-item pt-cv-1-col\" ><div class='pt-cv-ifield'><a href=\"https:\/\/www.dmsjuridica.com\/buscador_20179478954\/corteconstitucionalcronologico202454587\/t-1161-05\/\" class=\"_self pt-cv-href-thumbnail pt-cv-thumb-default\" target=\"_self\" ><\/a>\n<div class=\"pt-cv-taxoterm above_title\"><a href='https:\/\/www.dmsjuridica.com\/buscador_20179478954\/corteconstitucionalcronologico202454587\/category\/buscar-en-toda-la-corte\/2005\/tutelas-2005\/' title='Tutelas 2005' class='pt-cv-tax-tutelas-2005'>Tutelas 2005<\/a><\/div>\n<h4 class=\"pt-cv-title\"><a href=\"https:\/\/www.dmsjuridica.com\/buscador_20179478954\/corteconstitucionalcronologico202454587\/t-1161-05\/\" class=\"_self\" target=\"_self\" >T-1161-05<\/a><\/h4>\n<div class=\"pt-cv-content\">\u00a0 \u00a0 Sentencia T-1161\/05 \u00a0 ACCION DE TUTELA-Procedencia excepcional pago de la licencia de maternidad\u00a0 \u00a0 LICENCIA DE MATERNIDAD DE TRABAJADORA MADRE CABEZA DE FAMILIA-Pago por tutela cuando afecta el m\u00ednimo vital de la madre y su hijo \u00a0 Cuando la satisfacci\u00f3n del m\u00ednimo vital de la madre y del reci\u00e9n nacido dependen del pago de la licencia de maternidad, el reconocimiento de este derecho deja de plantear un tema exclusivamente legal, sometido a la justicia laboral, y se torna constitucionalmente relevante. En estos supuestos excepcionales, el pago de la licencia de maternidad puede ser ordenado por el juez de ...<br \/><div class=\"pt-cv-rmwrap\"><a href=\"https:\/\/www.dmsjuridica.com\/buscador_20179478954\/corteconstitucionalcronologico202454587\/t-1161-05\/\" class=\"_self pt-cv-readmore btn btn-success\" target=\"_self\">Ver Sentencia Completa...<\/a><\/div><\/div><\/div><\/div>\n<div class=\"col-md-12 col-sm-12 col-xs-12 pt-cv-content-item pt-cv-1-col\" ><div class='pt-cv-ifield'><a href=\"https:\/\/www.dmsjuridica.com\/buscador_20179478954\/corteconstitucionalcronologico202454587\/t-1160-05\/\" class=\"_self pt-cv-href-thumbnail pt-cv-thumb-default\" target=\"_self\" ><\/a>\n<div class=\"pt-cv-taxoterm above_title\"><a href='https:\/\/www.dmsjuridica.com\/buscador_20179478954\/corteconstitucionalcronologico202454587\/category\/buscar-en-toda-la-corte\/2005\/tutelas-2005\/' title='Tutelas 2005' class='pt-cv-tax-tutelas-2005'>Tutelas 2005<\/a><\/div>\n<h4 class=\"pt-cv-title\"><a href=\"https:\/\/www.dmsjuridica.com\/buscador_20179478954\/corteconstitucionalcronologico202454587\/t-1160-05\/\" class=\"_self\" target=\"_self\" >T-1160-05<\/a><\/h4>\n<div class=\"pt-cv-content\">\u00a0 \u00a0 Sentencia T-1160\/05 \u00a0 ACCION DE TUTELA-Procedencia excepcional para resolver controversias relativas al reconocimiento de pensiones \u00a0 ACCION DE TUTELA-Procedencia cuando el afectado no dispone de otro mecanismo de defensa judicial o se evidencia perjuicio irremediable \u00a0 ACCION DE TUTELA-Requisitos de procedencia excepcional de reconocimiento de derechos pensionales \u00a0 DERECHO DE PETICION-Elementos m\u00ednimos \u00a0 \u00a0 DERECHO DE PETICION-Respuesta oportuna, clara y de fondo \u00a0 DERECHO DE PETICION-Estudio sobre su vulneraci\u00f3n no involucra la validez de la respuesta dada\u00a0 \u00a0 La procedencia de la tutela para analizar el reconocimiento de una pensi\u00f3n no determina la procedencia del mecanismo para estudiar ...<br \/><div class=\"pt-cv-rmwrap\"><a href=\"https:\/\/www.dmsjuridica.com\/buscador_20179478954\/corteconstitucionalcronologico202454587\/t-1160-05\/\" class=\"_self pt-cv-readmore btn btn-success\" target=\"_self\">Ver Sentencia Completa...<\/a><\/div><\/div><\/div><\/div>\n<div class=\"col-md-12 col-sm-12 col-xs-12 pt-cv-content-item pt-cv-1-col\" ><div class='pt-cv-ifield'><a href=\"https:\/\/www.dmsjuridica.com\/buscador_20179478954\/corteconstitucionalcronologico202454587\/t-1159-05\/\" class=\"_self pt-cv-href-thumbnail pt-cv-thumb-default\" target=\"_self\" ><\/a>\n<div class=\"pt-cv-taxoterm above_title\"><a href='https:\/\/www.dmsjuridica.com\/buscador_20179478954\/corteconstitucionalcronologico202454587\/category\/buscar-en-toda-la-corte\/2005\/tutelas-2005\/' title='Tutelas 2005' class='pt-cv-tax-tutelas-2005'>Tutelas 2005<\/a><\/div>\n<h4 class=\"pt-cv-title\"><a href=\"https:\/\/www.dmsjuridica.com\/buscador_20179478954\/corteconstitucionalcronologico202454587\/t-1159-05\/\" class=\"_self\" target=\"_self\" >T-1159-05<\/a><\/h4>\n<div class=\"pt-cv-content\">\u00a0 \u00a0 Sentencia T-1159\/05 \u00a0 ACCION DE TUTELA-Procedencia excepcional para analizar la validez de una resoluci\u00f3n de desvinculaci\u00f3n de personal de carrera nombrado en provisionalidad\u00a0 \u00a0 ACCION DE TUTELA-Procedencia excepcional cuando se evidencia perjuicio irremediable\u00a0 \u00a0 ACCION DE TUTELA-Improcedencia general para ordenar el reintegro inmediato al cargo \u00a0 Es dable admitir que la tutela no es el mecanismo adecuado para impugnar la legalidad del acto administrativo de desvinculaci\u00f3n ni para obtener el reintegro del funcionario p\u00fablico desvinculado, a menos que se logre comprobar que existe un perjuicio irremediable que deba ser inmediatamente precavido. \u00a0 ACCION DE TUTELA-Formas de evitar la ...<br \/><div class=\"pt-cv-rmwrap\"><a href=\"https:\/\/www.dmsjuridica.com\/buscador_20179478954\/corteconstitucionalcronologico202454587\/t-1159-05\/\" class=\"_self pt-cv-readmore btn btn-success\" target=\"_self\">Ver Sentencia Completa...<\/a><\/div><\/div><\/div><\/div>\n<div class=\"col-md-12 col-sm-12 col-xs-12 pt-cv-content-item pt-cv-1-col\" ><div class='pt-cv-ifield'><a href=\"https:\/\/www.dmsjuridica.com\/buscador_20179478954\/corteconstitucionalcronologico202454587\/t-1158-05\/\" class=\"_self pt-cv-href-thumbnail pt-cv-thumb-default\" target=\"_self\" ><\/a>\n<div class=\"pt-cv-taxoterm above_title\"><a href='https:\/\/www.dmsjuridica.com\/buscador_20179478954\/corteconstitucionalcronologico202454587\/category\/buscar-en-toda-la-corte\/2005\/tutelas-2005\/' title='Tutelas 2005' class='pt-cv-tax-tutelas-2005'>Tutelas 2005<\/a><\/div>\n<h4 class=\"pt-cv-title\"><a href=\"https:\/\/www.dmsjuridica.com\/buscador_20179478954\/corteconstitucionalcronologico202454587\/t-1158-05\/\" class=\"_self\" target=\"_self\" >T-1158-05<\/a><\/h4>\n<div class=\"pt-cv-content\">\u00a0 \u00a0 Sentencia T-1158\/05 \u00a0 ACCION DE TUTELA CONTRA PARTICULARES-Casos en que procede \u00a0 ACCION DE TUTELA CONTRA PARTICULARES-Procedencia en casos de contaminaci\u00f3n auditiva \u00a0 La inoperancia de los medios administrativos previstos en el ordenamiento para el control de la contaminaci\u00f3n auditiva, hace que en este caso sea palmariamente clara la situaci\u00f3n de indefensi\u00f3n en que se encuentra la actora frente al agente emisor de la contaminaci\u00f3n. La situaci\u00f3n de indefensi\u00f3n, es la que ha tenido en cuenta la Corte Constitucional, en otras oportunidades, como raz\u00f3n suficiente de la procedencia de la acci\u00f3n de tutela en contra de particulares \u00a0 ...<br \/><div class=\"pt-cv-rmwrap\"><a href=\"https:\/\/www.dmsjuridica.com\/buscador_20179478954\/corteconstitucionalcronologico202454587\/t-1158-05\/\" class=\"_self pt-cv-readmore btn btn-success\" target=\"_self\">Ver Sentencia Completa...<\/a><\/div><\/div><\/div><\/div>\n<div class=\"col-md-12 col-sm-12 col-xs-12 pt-cv-content-item pt-cv-1-col\" ><div class='pt-cv-ifield'><a href=\"https:\/\/www.dmsjuridica.com\/buscador_20179478954\/corteconstitucionalcronologico202454587\/t-1157-05\/\" class=\"_self pt-cv-href-thumbnail pt-cv-thumb-default\" target=\"_self\" ><\/a>\n<div class=\"pt-cv-taxoterm above_title\"><a href='https:\/\/www.dmsjuridica.com\/buscador_20179478954\/corteconstitucionalcronologico202454587\/category\/buscar-en-toda-la-corte\/2005\/tutelas-2005\/' title='Tutelas 2005' class='pt-cv-tax-tutelas-2005'>Tutelas 2005<\/a><\/div>\n<h4 class=\"pt-cv-title\"><a href=\"https:\/\/www.dmsjuridica.com\/buscador_20179478954\/corteconstitucionalcronologico202454587\/t-1157-05\/\" class=\"_self\" target=\"_self\" >T-1157-05<\/a><\/h4>\n<div class=\"pt-cv-content\">\u00a0 \u00a0 Sentencia T-1157\/05 \u00a0 ACCION DE TUTELA CONTRA PROVIDENCIAS JUDICIALES POR VIA DE HECHO-Procedencia excepcional \u00a0 ACCION DE TUTELA-Modificaci\u00f3n unilateral en las condiciones de cr\u00e9dito hipotecario \u00a0 \u00a0 ACCION DE TUTELA-Improcedencia para subsanar inactividad procesal de las partes en el curso del proceso ejecutivo \u00a0 DERECHO A LA INFORMACION Y DEBIDO PROCESO-Vulneraci\u00f3n por informaci\u00f3n insuficiente\/PRINCIPIO DE PUBLICIDAD-Vulneraci\u00f3n \u00a0 PRINCIPIO DE LA BUENA FE-Alcance\/ACTO PROPIO-Respeto \u00a0 FONDO NACIONAL DEL AHORRO-No puede cambiar unilateralmente las condiciones en los cr\u00e9ditos de vivienda otorgados a sus afiliados \u00a0 DEBIDO PROCESO-Cr\u00e9ditos que habiendo sido inicialmente pactados por las partes en pesos fueron convertidos por ...<br \/><div class=\"pt-cv-rmwrap\"><a href=\"https:\/\/www.dmsjuridica.com\/buscador_20179478954\/corteconstitucionalcronologico202454587\/t-1157-05\/\" class=\"_self pt-cv-readmore btn btn-success\" target=\"_self\">Ver Sentencia Completa...<\/a><\/div><\/div><\/div><\/div>\n<div class=\"col-md-12 col-sm-12 col-xs-12 pt-cv-content-item pt-cv-1-col\" ><div class='pt-cv-ifield'><a href=\"https:\/\/www.dmsjuridica.com\/buscador_20179478954\/corteconstitucionalcronologico202454587\/t-1156-05\/\" class=\"_self pt-cv-href-thumbnail pt-cv-thumb-default\" target=\"_self\" ><\/a>\n<div class=\"pt-cv-taxoterm above_title\"><a href='https:\/\/www.dmsjuridica.com\/buscador_20179478954\/corteconstitucionalcronologico202454587\/category\/buscar-en-toda-la-corte\/2005\/tutelas-2005\/' title='Tutelas 2005' class='pt-cv-tax-tutelas-2005'>Tutelas 2005<\/a><\/div>\n<h4 class=\"pt-cv-title\"><a href=\"https:\/\/www.dmsjuridica.com\/buscador_20179478954\/corteconstitucionalcronologico202454587\/t-1156-05\/\" class=\"_self\" target=\"_self\" >T-1156-05<\/a><\/h4>\n<div class=\"pt-cv-content\">\u00a0 \u00a0 Sentencia T-1156\/05 \u00a0 ACCION DE TUTELA-Hecho superado por pago de mesadas pensionales\u00a0 \u00a0 MINIMO VITAL-Pensionado a quien la entidad le suspendi\u00f3 el pago de la mesada pensional bajo el argumento que la pensi\u00f3n del accionante tiene el car\u00e1cter de compartida\u00a0 \u00a0 Reiteraci\u00f3n de jurisprudencia\u00a0 \u00a0 Referencia: expediente T-1099721 \u00a0 Peticionario: Alberto Camilo Santos Caceres \u00a0 Entidad accionada: Banco de Bogot\u00e1 S.A. \u00a0 Magistrado Ponente: \u00a0 Dr. RODRIGO ESCOBAR GIL \u00a0 Bogot\u00e1, D. C., diecis\u00e9is (16) de noviembre de dos mil cinco (2005). \u00a0 La Sala Quinta de Revisi\u00f3n de la Corte Constitucional, integrada por los Magistrados Rodrigo Escobar ...<br \/><div class=\"pt-cv-rmwrap\"><a href=\"https:\/\/www.dmsjuridica.com\/buscador_20179478954\/corteconstitucionalcronologico202454587\/t-1156-05\/\" class=\"_self pt-cv-readmore btn btn-success\" target=\"_self\">Ver Sentencia Completa...<\/a><\/div><\/div><\/div><\/div>\n<div class=\"col-md-12 col-sm-12 col-xs-12 pt-cv-content-item pt-cv-1-col\" ><div class='pt-cv-ifield'><a href=\"https:\/\/www.dmsjuridica.com\/buscador_20179478954\/corteconstitucionalcronologico202454587\/t-1150-05\/\" class=\"_self pt-cv-href-thumbnail pt-cv-thumb-default\" target=\"_self\" ><\/a>\n<div class=\"pt-cv-taxoterm above_title\"><a href='https:\/\/www.dmsjuridica.com\/buscador_20179478954\/corteconstitucionalcronologico202454587\/category\/buscar-en-toda-la-corte\/2005\/tutelas-2005\/' title='Tutelas 2005' class='pt-cv-tax-tutelas-2005'>Tutelas 2005<\/a><\/div>\n<h4 class=\"pt-cv-title\"><a href=\"https:\/\/www.dmsjuridica.com\/buscador_20179478954\/corteconstitucionalcronologico202454587\/t-1150-05\/\" class=\"_self\" target=\"_self\" >T-1150-05<\/a><\/h4>\n<div class=\"pt-cv-content\">\u00a0 \u00a0 Sentencia T-1150\/05 \u00a0 ACCION DE TUTELA-Procedencia excepcional para reliquidaci\u00f3n de pensiones de ex funcionarios del Ministerio de Relaciones Exteriores\u00a0 \u00a0 ACCION DE TUTELA-Procedencia excepcional cuando no existen recursos eficaces o cuando se evidencia perjuicio irremediable \u00a0 ACCION DE TUTELA-Factores para la acreditaci\u00f3n de perjuicio irremediable \u00a0 Reiteraci\u00f3n de Jurisprudencia \u00a0 Referencia: expediente T-1152426 \u00a0 Acci\u00f3n de tutela instaurada por Ramiro Zambrano C\u00e1rdenas contra Cajanal.\u00a0 \u00a0 Magistrado Ponente: \u00a0 Dr. JAIME C\u00d3RDOBA TRIVI\u00d1O \u00a0 Bogot\u00e1 D. C., once (11) de \u00a0noviembre de dos mil cinco (2005). \u00a0 La Sala Tercera de Revisi\u00f3n de la Corte Constitucional, en ejercicio de ...<br \/><div class=\"pt-cv-rmwrap\"><a href=\"https:\/\/www.dmsjuridica.com\/buscador_20179478954\/corteconstitucionalcronologico202454587\/t-1150-05\/\" class=\"_self pt-cv-readmore btn btn-success\" target=\"_self\">Ver Sentencia Completa...<\/a><\/div><\/div><\/div><\/div>\n<div class=\"col-md-12 col-sm-12 col-xs-12 pt-cv-content-item pt-cv-1-col\" ><div class='pt-cv-ifield'><a href=\"https:\/\/www.dmsjuridica.com\/buscador_20179478954\/corteconstitucionalcronologico202454587\/t-1149-05\/\" class=\"_self pt-cv-href-thumbnail pt-cv-thumb-default\" target=\"_self\" ><\/a>\n<div class=\"pt-cv-taxoterm above_title\"><a href='https:\/\/www.dmsjuridica.com\/buscador_20179478954\/corteconstitucionalcronologico202454587\/category\/buscar-en-toda-la-corte\/2005\/tutelas-2005\/' title='Tutelas 2005' class='pt-cv-tax-tutelas-2005'>Tutelas 2005<\/a><\/div>\n<h4 class=\"pt-cv-title\"><a href=\"https:\/\/www.dmsjuridica.com\/buscador_20179478954\/corteconstitucionalcronologico202454587\/t-1149-05\/\" class=\"_self\" target=\"_self\" >T-1149-05<\/a><\/h4>\n<div class=\"pt-cv-content\">\u00a0 \u00a0 Sentencia T-1149\/05 \u00a0 DERECHO A LA SALUD-Fundamental por conexidad con la vida\u00a0 \u00a0 DERECHO A LA SALUD-Requisitos para suministro de medicamentos excluidos del POS\u00a0 \u00a0 DERECHO A LA SALUD-Afiliada cotizante a quien le fue diagnosticada atrofia blanca y la entidad se niega a suministrar los medicamentos no pos formulados por su medico tratante \u00a0 Acci\u00f3n de tutela instaurada por Luz \u00c1ngela Cardona Castrill\u00f3n contra Saludcoop E.P.S. y el Ministerio de Protecci\u00f3n Social \u2013FOSYGA. \u00a0 Magistrado Ponente: \u00a0 Dr. JAIME ARA\u00daJO RENTER\u00cdA \u00a0 Bogot\u00e1, D. C., once ( 11 ) de noviembre dos mil cinco (2005). \u00a0 La Sala ...<br \/><div class=\"pt-cv-rmwrap\"><a href=\"https:\/\/www.dmsjuridica.com\/buscador_20179478954\/corteconstitucionalcronologico202454587\/t-1149-05\/\" class=\"_self pt-cv-readmore btn btn-success\" target=\"_self\">Ver Sentencia Completa...<\/a><\/div><\/div><\/div><\/div>\n<div class=\"col-md-12 col-sm-12 col-xs-12 pt-cv-content-item pt-cv-1-col\" ><div class='pt-cv-ifield'><a href=\"https:\/\/www.dmsjuridica.com\/buscador_20179478954\/corteconstitucionalcronologico202454587\/t-1148-05\/\" class=\"_self pt-cv-href-thumbnail pt-cv-thumb-default\" target=\"_self\" ><\/a>\n<div class=\"pt-cv-taxoterm above_title\"><a href='https:\/\/www.dmsjuridica.com\/buscador_20179478954\/corteconstitucionalcronologico202454587\/category\/buscar-en-toda-la-corte\/2005\/tutelas-2005\/' title='Tutelas 2005' class='pt-cv-tax-tutelas-2005'>Tutelas 2005<\/a><\/div>\n<h4 class=\"pt-cv-title\"><a href=\"https:\/\/www.dmsjuridica.com\/buscador_20179478954\/corteconstitucionalcronologico202454587\/t-1148-05\/\" class=\"_self\" target=\"_self\" >T-1148-05<\/a><\/h4>\n<div class=\"pt-cv-content\">\u00a0 \u00a0 Sentencia T-1148\/05 \u00a0 PRINCIPIO DE INMEDIATEZ-Criterio de procedencia de tutela\u00a0 \u00a0 DERECHO DE PETICION EN MATERIA PENSIONAL-T\u00e9rminos\u00a0 \u00a0 Referencia: expediente T-1162582\u00a0 \u00a0 Acci\u00f3n de tutela instaurada por Elsy Flores G\u00f3mez contra la Caja nacional de Previsi\u00f3n Social.\u00a0 \u00a0 Magistrado Ponente: \u00a0 Dr. JAIME ARA\u00daJO RENTER\u00cdA \u00a0 Bogot\u00e1, D. C., once ( 11 ) de noviembre de dos mil cinco (2005). \u00a0 La Sala Primera de Revisi\u00f3n de la Corte Constitucional, integrada por los Magistrados ALFREDO BELTR\u00c1N SIERRA, MANUEL JOS\u00c9 CEPEDA ESPINOSA y JAIME ARA\u00daJO RENTER\u00cdA, en ejercicio de sus competencias constitucionales y legales, ha proferido la siguiente: \u00a0 ...<br \/><div class=\"pt-cv-rmwrap\"><a href=\"https:\/\/www.dmsjuridica.com\/buscador_20179478954\/corteconstitucionalcronologico202454587\/t-1148-05\/\" class=\"_self pt-cv-readmore btn btn-success\" target=\"_self\">Ver Sentencia Completa...<\/a><\/div><\/div><\/div><\/div>\n<div class=\"col-md-12 col-sm-12 col-xs-12 pt-cv-content-item pt-cv-1-col\" ><div class='pt-cv-ifield'><a href=\"https:\/\/www.dmsjuridica.com\/buscador_20179478954\/corteconstitucionalcronologico202454587\/t-1147-05\/\" class=\"_self pt-cv-href-thumbnail pt-cv-thumb-default\" target=\"_self\" ><\/a>\n<div class=\"pt-cv-taxoterm above_title\"><a href='https:\/\/www.dmsjuridica.com\/buscador_20179478954\/corteconstitucionalcronologico202454587\/category\/buscar-en-toda-la-corte\/2005\/tutelas-2005\/' title='Tutelas 2005' class='pt-cv-tax-tutelas-2005'>Tutelas 2005<\/a><\/div>\n<h4 class=\"pt-cv-title\"><a href=\"https:\/\/www.dmsjuridica.com\/buscador_20179478954\/corteconstitucionalcronologico202454587\/t-1147-05\/\" class=\"_self\" target=\"_self\" >T-1147-05<\/a><\/h4>\n<div class=\"pt-cv-content\">\u00a0 \u00a0 Sentencia T-1147\/05 \u00a0 LICENCIA DE MATERNIDAD-Protecci\u00f3n constitucional\u00a0 \u00a0 LICENCIA DE MATERNIDAD-Procedencia excepcional de tutela para el pago \u00a0 LICENCIA DE MATERNIDAD-Pago por allanamiento a la mora por EPS \u00a0 ENTIDAD PROMOTORA DE SALUD-No puede negar el pago de la licencia de maternidad excus\u00e1ndose en que los pagos fueron extempor\u00e1neos \u00a0 DERECHO A LA LICENCIA DE MATERNIDAD-Fundamental por conexidad con el m\u00ednimo vital de la madre y el hijo reci\u00e9n nacido\u00a0 \u00a0 DERECHOS FUNDAMENTALES DE MUJER EMBARAZADA-Formas de protecci\u00f3n\u00a0 \u00a0 Con relaci\u00f3n a la mujer en estado de embarazo existen dos figuras de especial relevancia como son (i) el ...<br \/><div class=\"pt-cv-rmwrap\"><a href=\"https:\/\/www.dmsjuridica.com\/buscador_20179478954\/corteconstitucionalcronologico202454587\/t-1147-05\/\" class=\"_self pt-cv-readmore btn btn-success\" target=\"_self\">Ver Sentencia Completa...<\/a><\/div><\/div><\/div><\/div>\n<div class=\"col-md-12 col-sm-12 col-xs-12 pt-cv-content-item pt-cv-1-col\" ><div class='pt-cv-ifield'><a href=\"https:\/\/www.dmsjuridica.com\/buscador_20179478954\/corteconstitucionalcronologico202454587\/t-1146-05\/\" class=\"_self pt-cv-href-thumbnail pt-cv-thumb-default\" target=\"_self\" ><\/a>\n<div class=\"pt-cv-taxoterm above_title\"><a href='https:\/\/www.dmsjuridica.com\/buscador_20179478954\/corteconstitucionalcronologico202454587\/category\/buscar-en-toda-la-corte\/2005\/tutelas-2005\/' title='Tutelas 2005' class='pt-cv-tax-tutelas-2005'>Tutelas 2005<\/a><\/div>\n<h4 class=\"pt-cv-title\"><a href=\"https:\/\/www.dmsjuridica.com\/buscador_20179478954\/corteconstitucionalcronologico202454587\/t-1146-05\/\" class=\"_self\" target=\"_self\" >T-1146-05<\/a><\/h4>\n<div class=\"pt-cv-content\">\u00a0 \u00a0 Sentencia T-1146\/05 \u00a0 ACCION DE TUTELA-Procedencia excepcional en controversias relacionadas con servicios p\u00fablicos\u00a0 \u00a0 ACCION DE TUTELA-Car\u00e1cter subsidiario y residual \u00a0 ACCION DE TUTELA-Procedencia excepcional cuando se evidencia perjuicio irremediable\u00a0 \u00a0 DERECHO DE DEFENSA EN SERVICIOS PUBLICOS DOMICILIARIOS-Entidades prestadoras de servicios p\u00fablicos domiciliarios no pueden abusar de su condici\u00f3n\u00a0 \u00a0 Aunque las prerrogativas reconocidas por la Ley a las empresas prestadoras de servicios p\u00fablicos domiciliarios son garant\u00edas para el adecuado funcionamiento de los servicios que prestan, su ejercicio no puede ser arbitrario y, por tanto, el mismo ordenamiento estableci\u00f3 una serie de mecanismos, tanto administrativos como judiciales, para ...<br \/><div class=\"pt-cv-rmwrap\"><a href=\"https:\/\/www.dmsjuridica.com\/buscador_20179478954\/corteconstitucionalcronologico202454587\/t-1146-05\/\" class=\"_self pt-cv-readmore btn btn-success\" target=\"_self\">Ver Sentencia Completa...<\/a><\/div><\/div><\/div><\/div>\n<div class=\"col-md-12 col-sm-12 col-xs-12 pt-cv-content-item pt-cv-1-col\" ><div class='pt-cv-ifield'><a href=\"https:\/\/www.dmsjuridica.com\/buscador_20179478954\/corteconstitucionalcronologico202454587\/t-1145-05\/\" class=\"_self pt-cv-href-thumbnail pt-cv-thumb-default\" target=\"_self\" ><\/a>\n<div class=\"pt-cv-taxoterm above_title\"><a href='https:\/\/www.dmsjuridica.com\/buscador_20179478954\/corteconstitucionalcronologico202454587\/category\/buscar-en-toda-la-corte\/2005\/tutelas-2005\/' title='Tutelas 2005' class='pt-cv-tax-tutelas-2005'>Tutelas 2005<\/a><\/div>\n<h4 class=\"pt-cv-title\"><a href=\"https:\/\/www.dmsjuridica.com\/buscador_20179478954\/corteconstitucionalcronologico202454587\/t-1145-05\/\" class=\"_self\" target=\"_self\" >T-1145-05<\/a><\/h4>\n<div class=\"pt-cv-content\">\u00a0 \u00a0 Sentencia T-1145\/05 \u00a0 DOCTRINA CONSTITUCIONAL SOBRE RELACIONES DE ESPECIAL SUJECION-Caracter\u00edsticas \u00a0 INTERNO-Relaci\u00f3n especial de sujeci\u00f3n con el Estado \u00a0 La Corte ha manifestado que entre las personas que se encuentran privadas de la libertad y el Estado, existe una \u201crelaci\u00f3n especial de sujeci\u00f3n\u201d que se traduce en que este \u00faltimo puede suspender y restringir ciertos derechos fundamentales de los internos, siempre que dichas limitaciones se ajusten \u00a0a los principios constitucionales de razonabilidad y proporcionalidad. \u00a0 RELACIONES DE ESPECIAL SUJECION-Consecuencias jur\u00eddicas \u00a0 RELACIONES DE ESPECIAL SUJECION-Situaci\u00f3n de subordinaci\u00f3n del interno \u00a0 RELACIONES DE ESPECIAL SUJECION-Estado debe garantizar el derecho ...<br \/><div class=\"pt-cv-rmwrap\"><a href=\"https:\/\/www.dmsjuridica.com\/buscador_20179478954\/corteconstitucionalcronologico202454587\/t-1145-05\/\" class=\"_self pt-cv-readmore btn btn-success\" target=\"_self\">Ver Sentencia Completa...<\/a><\/div><\/div><\/div><\/div>\n<div class=\"col-md-12 col-sm-12 col-xs-12 pt-cv-content-item pt-cv-1-col\" ><div class='pt-cv-ifield'><a href=\"https:\/\/www.dmsjuridica.com\/buscador_20179478954\/corteconstitucionalcronologico202454587\/t-1144-05\/\" class=\"_self pt-cv-href-thumbnail pt-cv-thumb-default\" target=\"_self\" ><\/a>\n<div class=\"pt-cv-taxoterm above_title\"><a href='https:\/\/www.dmsjuridica.com\/buscador_20179478954\/corteconstitucionalcronologico202454587\/category\/buscar-en-toda-la-corte\/2005\/tutelas-2005\/' title='Tutelas 2005' class='pt-cv-tax-tutelas-2005'>Tutelas 2005<\/a><\/div>\n<h4 class=\"pt-cv-title\"><a href=\"https:\/\/www.dmsjuridica.com\/buscador_20179478954\/corteconstitucionalcronologico202454587\/t-1144-05\/\" class=\"_self\" target=\"_self\" >T-1144-05<\/a><\/h4>\n<div class=\"pt-cv-content\">\u00a0 \u00a0 Sentencia T-1144\/05 \u00a0 ACCION DE TUTELA-Procedencia respecto a desplazados \u00a0 REGISTRO NACIONAL DE DESPLAZADOS-Funci\u00f3n \u00a0 REGISTRO NACIONAL DE DESPLAZADOS-Autoridades deben establecer la relaci\u00f3n del solicitante con los acontecimientos no la veracidad del hecho del desplazamiento \u00a0 \u00a0 \u00a0 Las solicitudes de inclusi\u00f3n en el Registro \u00danico y la estimaci\u00f3n de las mismas, en cuanto se traducen en asistencia a las v\u00edctimas directas del conflicto armando y los problemas de orden p\u00fablico, no comportan por parte de las autoridades del Sistema Nacional de Atenci\u00f3n Integral a la Poblaci\u00f3n Desplazada por la Violencia una investigaci\u00f3n sobre el hecho mismo del ...<br \/><div class=\"pt-cv-rmwrap\"><a href=\"https:\/\/www.dmsjuridica.com\/buscador_20179478954\/corteconstitucionalcronologico202454587\/t-1144-05\/\" class=\"_self pt-cv-readmore btn btn-success\" target=\"_self\">Ver Sentencia Completa...<\/a><\/div><\/div><\/div><\/div>\n<div class=\"col-md-12 col-sm-12 col-xs-12 pt-cv-content-item pt-cv-1-col\" ><div class='pt-cv-ifield'><a href=\"https:\/\/www.dmsjuridica.com\/buscador_20179478954\/corteconstitucionalcronologico202454587\/t-1143-05\/\" class=\"_self pt-cv-href-thumbnail pt-cv-thumb-default\" target=\"_self\" ><\/a>\n<div class=\"pt-cv-taxoterm above_title\"><a href='https:\/\/www.dmsjuridica.com\/buscador_20179478954\/corteconstitucionalcronologico202454587\/category\/buscar-en-toda-la-corte\/2005\/tutelas-2005\/' title='Tutelas 2005' class='pt-cv-tax-tutelas-2005'>Tutelas 2005<\/a><\/div>\n<h4 class=\"pt-cv-title\"><a href=\"https:\/\/www.dmsjuridica.com\/buscador_20179478954\/corteconstitucionalcronologico202454587\/t-1143-05\/\" class=\"_self\" target=\"_self\" >T-1143-05<\/a><\/h4>\n<div class=\"pt-cv-content\">\u00a0 \u00a0 Sentencia T-1143\/05 \u00a0 ACCION DE TUTELA-Car\u00e1cter subsidiario y residual\u00a0 \u00a0 ACCION DE TUTELA-Procedencia excepcional cuando se evidencia perjuicio irremediable\u00a0 \u00a0 ACCION DE TUTELA-Idoneidad de los recursos que la hacen improcedente \u00a0 PRINCIPIO DE INMEDIATEZ-Criterio de procedencia de tutela \u00a0 \u00a0 ACTO ADMINISTRATIVO-Inconstitucionalidad sobreviniente\u00a0 \u00a0 ACTO ADMINISTRATIVO-Existencia\/ACTO ADMINISTRATIVO-Eficacia \u00a0 ACTO ADMINISTRATIVO-P\u00e9rdida de fuerza ejecutoria \u00a0 De conformidad con la teor\u00eda de los Actos Administrativos, \u00e9stos se presumen legales desde el momento mismo de su expedici\u00f3n y hasta que no sean declarados nulos por la jurisdicci\u00f3n Contencioso Administrativa. Sin embargo, existen eventos en los cuales las circunstancias de hecho o ...<br \/><div class=\"pt-cv-rmwrap\"><a href=\"https:\/\/www.dmsjuridica.com\/buscador_20179478954\/corteconstitucionalcronologico202454587\/t-1143-05\/\" class=\"_self pt-cv-readmore btn btn-success\" target=\"_self\">Ver Sentencia Completa...<\/a><\/div><\/div><\/div><\/div>\n<div class=\"col-md-12 col-sm-12 col-xs-12 pt-cv-content-item pt-cv-1-col\" ><div class='pt-cv-ifield'><a href=\"https:\/\/www.dmsjuridica.com\/buscador_20179478954\/corteconstitucionalcronologico202454587\/t-1142-05\/\" class=\"_self pt-cv-href-thumbnail pt-cv-thumb-default\" target=\"_self\" ><\/a>\n<div class=\"pt-cv-taxoterm above_title\"><a href='https:\/\/www.dmsjuridica.com\/buscador_20179478954\/corteconstitucionalcronologico202454587\/category\/buscar-en-toda-la-corte\/2005\/tutelas-2005\/' title='Tutelas 2005' class='pt-cv-tax-tutelas-2005'>Tutelas 2005<\/a><\/div>\n<h4 class=\"pt-cv-title\"><a href=\"https:\/\/www.dmsjuridica.com\/buscador_20179478954\/corteconstitucionalcronologico202454587\/t-1142-05\/\" class=\"_self\" target=\"_self\" >T-1142-05<\/a><\/h4>\n<div class=\"pt-cv-content\">\u00a0 \u00a0 Sentencia T-1142\/05 \u00a0 DERECHO A LA VIDA-Mora en la prestaci\u00f3n del servicio en salud\u00a0 \u00a0 DERECHO A LA SALUD-Fundamental por conexidad con la vida\u00a0 \u00a0 DERECHO A LA SALUD-Cotizante a quien le entidad se niega a autorizarle una cita con especialista \u00a0 ACCION DE TUTELA-Hecho superado por prestaci\u00f3n del servicio de salud \u00a0 \u00a0 Referencia: expediente: T-1170023 \u00a0 Accionante: Alba Quintero de Bedoya \u00a0 Procedencia: Juzgado Tercero Penal del Circuito Especializado de Guadalajara de Buga \u2013 Valle del Cauca \u00a0 Magistrado Ponente:\u00a0 \u00a0 Dr. MARCO GERARDO MONROY CABRA \u00a0 Bogot\u00e1, D. C., diez (10) de noviembre de dos ...<br \/><div class=\"pt-cv-rmwrap\"><a href=\"https:\/\/www.dmsjuridica.com\/buscador_20179478954\/corteconstitucionalcronologico202454587\/t-1142-05\/\" class=\"_self pt-cv-readmore btn btn-success\" target=\"_self\">Ver Sentencia Completa...<\/a><\/div><\/div><\/div><\/div>\n<div class=\"col-md-12 col-sm-12 col-xs-12 pt-cv-content-item pt-cv-1-col\" ><div class='pt-cv-ifield'><a href=\"https:\/\/www.dmsjuridica.com\/buscador_20179478954\/corteconstitucionalcronologico202454587\/t-1141-05\/\" class=\"_self pt-cv-href-thumbnail pt-cv-thumb-default\" target=\"_self\" ><\/a>\n<div class=\"pt-cv-taxoterm above_title\"><a href='https:\/\/www.dmsjuridica.com\/buscador_20179478954\/corteconstitucionalcronologico202454587\/category\/buscar-en-toda-la-corte\/2005\/tutelas-2005\/' title='Tutelas 2005' class='pt-cv-tax-tutelas-2005'>Tutelas 2005<\/a><\/div>\n<h4 class=\"pt-cv-title\"><a href=\"https:\/\/www.dmsjuridica.com\/buscador_20179478954\/corteconstitucionalcronologico202454587\/t-1141-05\/\" class=\"_self\" target=\"_self\" >T-1141-05<\/a><\/h4>\n<div class=\"pt-cv-content\">\u00a0 \u00a0 Sentencia T-1141\/05 \u00a0 ACCION DE TUTELA-Procedencia excepcional cuando no existen recursos eficaces o cuando se evidencia perjuicio irremediable\u00a0 \u00a0 RELACION LABORAL-Terminaci\u00f3n por cumplirse el tiempo para acceder a pensi\u00f3n \u00a0 RELACION LABORAL-Primac\u00eda de la realidad sobre formalidades \u00a0 EDAD DE RETIRO FORZOSO-Legitimidad \u00a0 NOTIFICACION DE INCLUSION EN NOMINA DE PENSIONADOS-Garant\u00eda de remuneraci\u00f3n vital y efectividad de derechos\/SENTENCIA ADITIVA-Finalidad\/SENTENCIA ADITIVA-A la notificaci\u00f3n de la pensi\u00f3n se debe adicionar la inclusi\u00f3n en n\u00f3mina \u00a0 Tanto en sede de constitucionalidad como de tutela la Corte ha sostenido una jurisprudencia seg\u00fan la cual las normas legales que establecen como causal de retiro ...<br \/><div class=\"pt-cv-rmwrap\"><a href=\"https:\/\/www.dmsjuridica.com\/buscador_20179478954\/corteconstitucionalcronologico202454587\/t-1141-05\/\" class=\"_self pt-cv-readmore btn btn-success\" target=\"_self\">Ver Sentencia Completa...<\/a><\/div><\/div><\/div><\/div>\n<div class=\"col-md-12 col-sm-12 col-xs-12 pt-cv-content-item pt-cv-1-col\" ><div class='pt-cv-ifield'><a href=\"https:\/\/www.dmsjuridica.com\/buscador_20179478954\/corteconstitucionalcronologico202454587\/t-1140-05\/\" class=\"_self pt-cv-href-thumbnail pt-cv-thumb-default\" target=\"_self\" ><\/a>\n<div class=\"pt-cv-taxoterm above_title\"><a href='https:\/\/www.dmsjuridica.com\/buscador_20179478954\/corteconstitucionalcronologico202454587\/category\/buscar-en-toda-la-corte\/2005\/tutelas-2005\/' title='Tutelas 2005' class='pt-cv-tax-tutelas-2005'>Tutelas 2005<\/a><\/div>\n<h4 class=\"pt-cv-title\"><a href=\"https:\/\/www.dmsjuridica.com\/buscador_20179478954\/corteconstitucionalcronologico202454587\/t-1140-05\/\" class=\"_self\" target=\"_self\" >T-1140-05<\/a><\/h4>\n<div class=\"pt-cv-content\">\u00a0 \u00a0 Sentencia T-1140\/05 \u00a0 ACCION DE TUTELA-Car\u00e1cter subsidiario y residual\u00a0 \u00a0 ACCION DE TUTELA-Improcedencia cuando se alega su propia torpeza o falta de diligencia\u00a0 \u00a0 ACCION DE TUTELA-Requisitos de agotamiento de los recursos internos\u00a0 \u00a0 ACCION DE TUTELA CONTRA PROVIDENCIAS JUDICIALES-Procedencia excepcional cuando se evidencia perjuicio irremediable \u00a0 ACCION DE TUTELA CONTRA PROVIDENCIAS JUDICIALES-Requisitos de procedencia \u00a0 PRINCIPIO DE INMEDIATEZ-Requisito de procedibilidad de la tutela\u00a0 \u00a0 PRINCIPIO DE INMEDIATEZ-Debe analizarse en cada caso el tiempo transcurrido entre la presentaci\u00f3n de la tutela y las circunstancias del caso\u00a0 \u00a0 El juez en cada caso debe sopesar la razonabilidad del tiempo ...<br \/><div class=\"pt-cv-rmwrap\"><a href=\"https:\/\/www.dmsjuridica.com\/buscador_20179478954\/corteconstitucionalcronologico202454587\/t-1140-05\/\" class=\"_self pt-cv-readmore btn btn-success\" target=\"_self\">Ver Sentencia Completa...<\/a><\/div><\/div><\/div><\/div>\n<div class=\"col-md-12 col-sm-12 col-xs-12 pt-cv-content-item pt-cv-1-col\" ><div class='pt-cv-ifield'><a href=\"https:\/\/www.dmsjuridica.com\/buscador_20179478954\/corteconstitucionalcronologico202454587\/t-1139-05\/\" class=\"_self pt-cv-href-thumbnail pt-cv-thumb-default\" target=\"_self\" ><\/a>\n<div class=\"pt-cv-taxoterm above_title\"><a href='https:\/\/www.dmsjuridica.com\/buscador_20179478954\/corteconstitucionalcronologico202454587\/category\/buscar-en-toda-la-corte\/2005\/tutelas-2005\/' title='Tutelas 2005' class='pt-cv-tax-tutelas-2005'>Tutelas 2005<\/a><\/div>\n<h4 class=\"pt-cv-title\"><a href=\"https:\/\/www.dmsjuridica.com\/buscador_20179478954\/corteconstitucionalcronologico202454587\/t-1139-05\/\" class=\"_self\" target=\"_self\" >T-1139-05<\/a><\/h4>\n<div class=\"pt-cv-content\">\u00a0 \u00a0 REP\u00daBLICA DE COLOMBIA \u00a0 \u00a0 Corte Constitucional\u00a0 \u00a0 Sentencia T-1139\/05 \u00a0 PERSONA DE LA TERCERA EDAD-Sujeto de especial protecci\u00f3n constitucional\u00a0 \u00a0 Esta Corporaci\u00f3n ha dicho que es un deber constitucional proteger a aqu\u00e9llas personas que se encuentren en estado de debilidad manifiesta, debido a que la Constituci\u00f3n de 1991 reconoce expresamente la existencia de algunos derechos a favor de quienes se encuentren en condiciones de debilidad, pues al ser Colombia un Estado Social de Derecho, la satisfacci\u00f3n de las necesidades de los asociados debe ser una prioridad y un mecanismo que apoye el desarrollo personal dentro de unas ...<br \/><div class=\"pt-cv-rmwrap\"><a href=\"https:\/\/www.dmsjuridica.com\/buscador_20179478954\/corteconstitucionalcronologico202454587\/t-1139-05\/\" class=\"_self pt-cv-readmore btn btn-success\" target=\"_self\">Ver Sentencia Completa...<\/a><\/div><\/div><\/div><\/div>\n<div class=\"col-md-12 col-sm-12 col-xs-12 pt-cv-content-item pt-cv-1-col\" ><div class='pt-cv-ifield'><a href=\"https:\/\/www.dmsjuridica.com\/buscador_20179478954\/corteconstitucionalcronologico202454587\/t-1138-05\/\" class=\"_self pt-cv-href-thumbnail pt-cv-thumb-default\" target=\"_self\" ><\/a>\n<div class=\"pt-cv-taxoterm above_title\"><a href='https:\/\/www.dmsjuridica.com\/buscador_20179478954\/corteconstitucionalcronologico202454587\/category\/buscar-en-toda-la-corte\/2005\/tutelas-2005\/' title='Tutelas 2005' class='pt-cv-tax-tutelas-2005'>Tutelas 2005<\/a><\/div>\n<h4 class=\"pt-cv-title\"><a href=\"https:\/\/www.dmsjuridica.com\/buscador_20179478954\/corteconstitucionalcronologico202454587\/t-1138-05\/\" class=\"_self\" target=\"_self\" >T-1138-05<\/a><\/h4>\n<div class=\"pt-cv-content\">\u00a0 \u00a0 Sentencia T-1138\/05 \u00a0 DERECHO A LA SALUD-Fundamental por conexidad con la vida digna \u00a0 DERECHO A LA SALUD-Protecci\u00f3n a la vida en condiciones dignas \u00a0 DERECHO A LA SALUD-Requisitos para suministro de medicamentos excluidos del POS\u00a0 \u00a0 DERECHO A LA SALUD-Accionante solicita un implante coclear para escuchar mejor y este procedimiento no se encuentra incluido en el POS\u00a0 \u00a0 Referencia: expediente T-1151313 \u00a0 Accionante: Pedro Mar\u00eda Triana Mart\u00ednez \u00a0 Demandado: \u00a0Mutual Ser A.R.S. \u00a0 Magistrado Ponente:\u00a0 \u00a0 Dr. RODRIGO ESCOBAR GIL \u00a0 Bogot\u00e1, D. C., diez (10) de noviembre de dos mil cinco (2005). \u00a0 La Sala Quinta ...<br \/><div class=\"pt-cv-rmwrap\"><a href=\"https:\/\/www.dmsjuridica.com\/buscador_20179478954\/corteconstitucionalcronologico202454587\/t-1138-05\/\" class=\"_self pt-cv-readmore btn btn-success\" target=\"_self\">Ver Sentencia Completa...<\/a><\/div><\/div><\/div><\/div>\n<div class=\"col-md-12 col-sm-12 col-xs-12 pt-cv-content-item pt-cv-1-col\" ><div class='pt-cv-ifield'><a href=\"https:\/\/www.dmsjuridica.com\/buscador_20179478954\/corteconstitucionalcronologico202454587\/t-1137-05\/\" class=\"_self pt-cv-href-thumbnail pt-cv-thumb-default\" target=\"_self\" ><\/a>\n<div class=\"pt-cv-taxoterm above_title\"><a href='https:\/\/www.dmsjuridica.com\/buscador_20179478954\/corteconstitucionalcronologico202454587\/category\/buscar-en-toda-la-corte\/2005\/tutelas-2005\/' title='Tutelas 2005' class='pt-cv-tax-tutelas-2005'>Tutelas 2005<\/a><\/div>\n<h4 class=\"pt-cv-title\"><a href=\"https:\/\/www.dmsjuridica.com\/buscador_20179478954\/corteconstitucionalcronologico202454587\/t-1137-05\/\" class=\"_self\" target=\"_self\" >T-1137-05<\/a><\/h4>\n<div class=\"pt-cv-content\">\u00a0 \u00a0 Sentencia T-1137\/05 \u00a0 ACCION DE TUTELA CONTRA ENTIDAD PROMOTORA DE SALUD-Suministro tratamiento de alto costo sin cumplir periodo m\u00ednimo de cotizaci\u00f3n \u00a0 DERECHO A LA SALUD-Requisitos para suministro de servicios en salud incluidos en el POS sometidos a per\u00edodos m\u00ednimos de cotizaci\u00f3n\u00a0 \u00a0 DERECHO A LA SALUD-Pr\u00e1ctica de cirug\u00eda\u00a0 \u00a0 Reiteraci\u00f3n de Jurisprudencia \u00a0 Referencia: expediente T-1202671\u00a0 \u00a0 Acci\u00f3n de tutela instaurada por Mar\u00eda Agustina P\u00e9rez Villamizar contra Saludcoop EPS1.\u00a0 \u00a0 Magistrado Ponente \u00a0 Dr. MANUEL JOS\u00c9 CEPEDA ESPINOSA \u00a0 Bogot\u00e1 D. C., cuatro (4) d\u00edas de noviembre de dos mil cinco (2005). \u00a0 Teniendo en cuenta que ...<br \/><div class=\"pt-cv-rmwrap\"><a href=\"https:\/\/www.dmsjuridica.com\/buscador_20179478954\/corteconstitucionalcronologico202454587\/t-1137-05\/\" class=\"_self pt-cv-readmore btn btn-success\" target=\"_self\">Ver Sentencia Completa...<\/a><\/div><\/div><\/div><\/div>\n<div class=\"col-md-12 col-sm-12 col-xs-12 pt-cv-content-item pt-cv-1-col\" ><div class='pt-cv-ifield'><a href=\"https:\/\/www.dmsjuridica.com\/buscador_20179478954\/corteconstitucionalcronologico202454587\/t-1136-05\/\" class=\"_self pt-cv-href-thumbnail pt-cv-thumb-default\" target=\"_self\" ><\/a>\n<div class=\"pt-cv-taxoterm above_title\"><a href='https:\/\/www.dmsjuridica.com\/buscador_20179478954\/corteconstitucionalcronologico202454587\/category\/buscar-en-toda-la-corte\/2005\/tutelas-2005\/' title='Tutelas 2005' class='pt-cv-tax-tutelas-2005'>Tutelas 2005<\/a><\/div>\n<h4 class=\"pt-cv-title\"><a href=\"https:\/\/www.dmsjuridica.com\/buscador_20179478954\/corteconstitucionalcronologico202454587\/t-1136-05\/\" class=\"_self\" target=\"_self\" >T-1136-05<\/a><\/h4>\n<div class=\"pt-cv-content\">\u00a0 \u00a0 Sentencia T-1136\/05 \u00a0 ACCION DE TUTELA-Procedencia excepcional pago de acreencias laborales\u00a0 \u00a0 ACCION DE TUTELA-Procedencia excepcional cuando se evidencia perjuicio irremediable\u00a0 \u00a0 MUNICIPIO-En pago de acreencias laborales no puede argumentarse insuficiencia de recursos para relevar de responsabilidad \u00a0 DERECHO AL MINIMO VITAL-Afectaci\u00f3n debe ser probada al menos sumariamente\u00a0 \u00a0 DERECHO AL MINIMO VITAL-Empleado de la alcald\u00eda a quien la entidad le adeuda salarios y otras prestaciones \u00a0 Reiteraci\u00f3n de Jurisprudencia \u00a0 Referencia: expediente T-1189724 \u00a0 Acci\u00f3n de tutela instaurada por Orlando Antonio Ibarra Montoya contra la Alcald\u00eda de Acand\u00ed, Choc\u00f3 \u00a0 Dr. MANUEL JOS\u00c9 CEPEDA ESPINOSA \u00a0 Bogot\u00e1 ...<br \/><div class=\"pt-cv-rmwrap\"><a href=\"https:\/\/www.dmsjuridica.com\/buscador_20179478954\/corteconstitucionalcronologico202454587\/t-1136-05\/\" class=\"_self pt-cv-readmore btn btn-success\" target=\"_self\">Ver Sentencia Completa...<\/a><\/div><\/div><\/div><\/div>\n<div class=\"col-md-12 col-sm-12 col-xs-12 pt-cv-content-item pt-cv-1-col\" ><div class='pt-cv-ifield'><a href=\"https:\/\/www.dmsjuridica.com\/buscador_20179478954\/corteconstitucionalcronologico202454587\/t-1135-05\/\" class=\"_self pt-cv-href-thumbnail pt-cv-thumb-default\" target=\"_self\" ><\/a>\n<div class=\"pt-cv-taxoterm above_title\"><a href='https:\/\/www.dmsjuridica.com\/buscador_20179478954\/corteconstitucionalcronologico202454587\/category\/buscar-en-toda-la-corte\/2005\/tutelas-2005\/' title='Tutelas 2005' class='pt-cv-tax-tutelas-2005'>Tutelas 2005<\/a><\/div>\n<h4 class=\"pt-cv-title\"><a href=\"https:\/\/www.dmsjuridica.com\/buscador_20179478954\/corteconstitucionalcronologico202454587\/t-1135-05\/\" class=\"_self\" target=\"_self\" >T-1135-05<\/a><\/h4>\n<div class=\"pt-cv-content\">\u00a0 \u00a0 Sentencia T-1135\/05 \u00a0 ACCION DE TUTELA CONTRA PROVIDENCIAS JUDICIALES POR VIA DE HECHO-Procedencia excepcional\u00a0 \u00a0 LEGITIMACION POR ACTIVA EN TUTELA-Persona jur\u00eddica \u00a0 PERSONA JURIDICA-Est\u00e1 legitimada para acudir ante el juez constitucional en procura de sus derechos fundamentales \u00a0 \u00a0 LEY 546 DE 1999-Apartarse de manera absoluta del precedente constitucional en materia de Procesos hipotecarios en UPAC vulnera el debido proceso\u00a0 \u00a0 LEY 546 DE 1999-Doctrina constitucional sobre el art\u00edculo 42 par\u00e1grafo 3 \u00a0 A ra\u00edz del juicio de constitucionalidad que se adelant\u00f3 contra dicha norma, en la Sentencia C-955 de 2000, la Corte aclar\u00f3 que los procesos ejecutivos ...<br \/><div class=\"pt-cv-rmwrap\"><a href=\"https:\/\/www.dmsjuridica.com\/buscador_20179478954\/corteconstitucionalcronologico202454587\/t-1135-05\/\" class=\"_self pt-cv-readmore btn btn-success\" target=\"_self\">Ver Sentencia Completa...<\/a><\/div><\/div><\/div><\/div>\n<div class=\"col-md-12 col-sm-12 col-xs-12 pt-cv-content-item pt-cv-1-col\" ><div class='pt-cv-ifield'><a href=\"https:\/\/www.dmsjuridica.com\/buscador_20179478954\/corteconstitucionalcronologico202454587\/t-1134-05\/\" class=\"_self pt-cv-href-thumbnail pt-cv-thumb-default\" target=\"_self\" ><\/a>\n<div class=\"pt-cv-taxoterm above_title\"><a href='https:\/\/www.dmsjuridica.com\/buscador_20179478954\/corteconstitucionalcronologico202454587\/category\/buscar-en-toda-la-corte\/2005\/tutelas-2005\/' title='Tutelas 2005' class='pt-cv-tax-tutelas-2005'>Tutelas 2005<\/a><\/div>\n<h4 class=\"pt-cv-title\"><a href=\"https:\/\/www.dmsjuridica.com\/buscador_20179478954\/corteconstitucionalcronologico202454587\/t-1134-05\/\" class=\"_self\" target=\"_self\" >T-1134-05<\/a><\/h4>\n<div class=\"pt-cv-content\">\u00a0 \u00a0 Sentencia T-1134\/05 \u00a0 PRINCIPIO DE LA BUENA FE-Observancia general \u00a0 TEMERIDAD O MALA FE-Aspectos generales \u00a0 TEMERIDAD O MALA FE-Uso indebido de la tutela \u00a0 ACCION DE TUTELA-Procedencia excepcional pago de acreencias laborales\u00a0 \u00a0 ACCION DE TUTELA-Procedencia excepcional cuando los recursos carecen de idoneidad o se evidencia perjuicio irremediable\u00a0 \u00a0 ACCION DE TUTELA TRANSITORIA-Improcedencia para revivir t\u00e9rminos procesales\u00a0 \u00a0 PERJUICIO IRREMEDIABLE-Requisitos para que se configure no son concurrentes \u00a0 La Corte ha acudido a distintos elementos de juicio para establecer si se est\u00e1 en presencia de un perjuicio irremediable que permita el cobro acreencias laborales por la v\u00eda ...<br \/><div class=\"pt-cv-rmwrap\"><a href=\"https:\/\/www.dmsjuridica.com\/buscador_20179478954\/corteconstitucionalcronologico202454587\/t-1134-05\/\" class=\"_self pt-cv-readmore btn btn-success\" target=\"_self\">Ver Sentencia Completa...<\/a><\/div><\/div><\/div><\/div>\n<div class=\"col-md-12 col-sm-12 col-xs-12 pt-cv-content-item pt-cv-1-col\" ><div class='pt-cv-ifield'><a href=\"https:\/\/www.dmsjuridica.com\/buscador_20179478954\/corteconstitucionalcronologico202454587\/t-1133-05\/\" class=\"_self pt-cv-href-thumbnail pt-cv-thumb-default\" target=\"_self\" ><\/a>\n<div class=\"pt-cv-taxoterm above_title\"><a href='https:\/\/www.dmsjuridica.com\/buscador_20179478954\/corteconstitucionalcronologico202454587\/category\/buscar-en-toda-la-corte\/2005\/tutelas-2005\/' title='Tutelas 2005' class='pt-cv-tax-tutelas-2005'>Tutelas 2005<\/a><\/div>\n<h4 class=\"pt-cv-title\"><a href=\"https:\/\/www.dmsjuridica.com\/buscador_20179478954\/corteconstitucionalcronologico202454587\/t-1133-05\/\" class=\"_self\" target=\"_self\" >T-1133-05<\/a><\/h4>\n<div class=\"pt-cv-content\">\u00a0 \u00a0 Sentencia T-1133\/05 \u00a0 DERECHO DE ASOCIACION SINDICAL-Desconocimiento por despido colectivo de trabajadores \u00a0 DERECHO DE ASOCIACION SINDICAL-Fundamental \u00a0 DERECHO DE ASOCIACION SINDICAL-Accionante no acredit\u00f3 pertenecer activamente al sindicato \u00a0 ACCION DE TUTELA CONTRA PROVIDENCIAS JUDICIALES POR VIA DE HECHO-Procedencia excepcional \u00a0 ACCION DE TUTELA CONTRA PROVIDENCIAS JUDICIALES POR VIA DE HECHO-Sala de Casaci\u00f3n Laboral desconoci\u00f3 la resoluci\u00f3n del Ministerio de Trabajo sobre despido colectivo en la Previsora S.A\u00a0 \u00a0 ACCION DE TUTELA CONTRA PROVIDENCIAS JUDICIALES-Sentencia de la Sala de Casaci\u00f3n Laboral constituye v\u00eda de hecho por desconocer el articulo 67 de la ley 50 de 1999 \u00a0 DEBIDO ...<br \/><div class=\"pt-cv-rmwrap\"><a href=\"https:\/\/www.dmsjuridica.com\/buscador_20179478954\/corteconstitucionalcronologico202454587\/t-1133-05\/\" class=\"_self pt-cv-readmore btn btn-success\" target=\"_self\">Ver Sentencia Completa...<\/a><\/div><\/div><\/div><\/div>\n<div class=\"col-md-12 col-sm-12 col-xs-12 pt-cv-content-item pt-cv-1-col\" ><div class='pt-cv-ifield'><a href=\"https:\/\/www.dmsjuridica.com\/buscador_20179478954\/corteconstitucionalcronologico202454587\/t-1132-05\/\" class=\"_self pt-cv-href-thumbnail pt-cv-thumb-default\" target=\"_self\" ><\/a>\n<div class=\"pt-cv-taxoterm above_title\"><a href='https:\/\/www.dmsjuridica.com\/buscador_20179478954\/corteconstitucionalcronologico202454587\/category\/buscar-en-toda-la-corte\/2005\/tutelas-2005\/' title='Tutelas 2005' class='pt-cv-tax-tutelas-2005'>Tutelas 2005<\/a><\/div>\n<h4 class=\"pt-cv-title\"><a href=\"https:\/\/www.dmsjuridica.com\/buscador_20179478954\/corteconstitucionalcronologico202454587\/t-1132-05\/\" class=\"_self\" target=\"_self\" >T-1132-05<\/a><\/h4>\n<div class=\"pt-cv-content\">\u00a0 \u00a0 Sentencia T-1132\/05 \u00a0 ACCION DE TUTELA-Procedencia excepcional para el reconocimiento de derechos pensionales\u00a0 \u00a0 ACCION DE TUTELA-Procedencia excepcional cuando se evidencia perjuicio irremediable\u00a0 \u00a0 ACCION DE TUTELA-Improcedencia pago del retroactivo pensional \u00a0 DERECHO DE PETICION-Accionante solicita reconocimiento y pago retroactivo de pensi\u00f3n de jubilaci\u00f3n \u00a0 DERECHO DE PETICION-T\u00e9rminos \u00a0 Referencia: expediente T-1153071 \u00a0 Acci\u00f3n de tutela instaurada por la se\u00f1ora Mar\u00eda Oliva Su\u00e1rez de Mart\u00ednez contra el Seguro Social -Seccional Caldas-.\u00a0 \u00a0 Magistrado Ponente: \u00a0 Dr. ALVARO TAFUR GALVIS \u00a0 Bogot\u00e1, D. C., cuatro (4) de noviembre de dos mil cinco (2005). \u00a0 La Sala Octava de Revisi\u00f3n ...<br \/><div class=\"pt-cv-rmwrap\"><a href=\"https:\/\/www.dmsjuridica.com\/buscador_20179478954\/corteconstitucionalcronologico202454587\/t-1132-05\/\" class=\"_self pt-cv-readmore btn btn-success\" target=\"_self\">Ver Sentencia Completa...<\/a><\/div><\/div><\/div><\/div>\n<div class=\"col-md-12 col-sm-12 col-xs-12 pt-cv-content-item pt-cv-1-col\" ><div class='pt-cv-ifield'><a href=\"https:\/\/www.dmsjuridica.com\/buscador_20179478954\/corteconstitucionalcronologico202454587\/t-1130-05\/\" class=\"_self pt-cv-href-thumbnail pt-cv-thumb-default\" target=\"_self\" ><\/a>\n<div class=\"pt-cv-taxoterm above_title\"><a href='https:\/\/www.dmsjuridica.com\/buscador_20179478954\/corteconstitucionalcronologico202454587\/category\/buscar-en-toda-la-corte\/2005\/tutelas-2005\/' title='Tutelas 2005' class='pt-cv-tax-tutelas-2005'>Tutelas 2005<\/a><\/div>\n<h4 class=\"pt-cv-title\"><a href=\"https:\/\/www.dmsjuridica.com\/buscador_20179478954\/corteconstitucionalcronologico202454587\/t-1130-05\/\" class=\"_self\" target=\"_self\" >T-1130-05<\/a><\/h4>\n<div class=\"pt-cv-content\">\u00a0 \u00a0 Sentencia T-1130\/05 \u00a0 ACCION DE TUTELA-Criterios para reconocimiento de pensiones cuando media la exigencia de un bono pensional \u00a0 DERECHO DE PETICION-Requisitos de las respuestas otorgadas por entidades p\u00fablicas\u00a0 \u00a0 DERECHO DE PETICION-N\u00facleo esencial \u00a0 El art\u00edculo 23 de la Constituci\u00f3n Pol\u00edtica consagra el derecho fundamental de petici\u00f3n, el cual comprende dos garant\u00edas definidas a favor de todas las personas: \u00a0(i) presentar solicitudes respetuosas a las autoridades p\u00fablicas y, conforme a la regulaci\u00f3n que para ese efecto profiera el legislador, a las organizaciones privadas; y (ii) obtener pronta resoluciones de esas peticiones. \u00a0 DERECHO DE PETICION-Respuesta oportuna, clara ...<br \/><div class=\"pt-cv-rmwrap\"><a href=\"https:\/\/www.dmsjuridica.com\/buscador_20179478954\/corteconstitucionalcronologico202454587\/t-1130-05\/\" class=\"_self pt-cv-readmore btn btn-success\" target=\"_self\">Ver Sentencia Completa...<\/a><\/div><\/div><\/div><\/div>\n<div class=\"col-md-12 col-sm-12 col-xs-12 pt-cv-content-item pt-cv-1-col\" ><div class='pt-cv-ifield'><a href=\"https:\/\/www.dmsjuridica.com\/buscador_20179478954\/corteconstitucionalcronologico202454587\/t-1129-05\/\" class=\"_self pt-cv-href-thumbnail pt-cv-thumb-default\" target=\"_self\" ><\/a>\n<div class=\"pt-cv-taxoterm above_title\"><a href='https:\/\/www.dmsjuridica.com\/buscador_20179478954\/corteconstitucionalcronologico202454587\/category\/buscar-en-toda-la-corte\/2005\/tutelas-2005\/' title='Tutelas 2005' class='pt-cv-tax-tutelas-2005'>Tutelas 2005<\/a><\/div>\n<h4 class=\"pt-cv-title\"><a href=\"https:\/\/www.dmsjuridica.com\/buscador_20179478954\/corteconstitucionalcronologico202454587\/t-1129-05\/\" class=\"_self\" target=\"_self\" >T-1129-05<\/a><\/h4>\n<div class=\"pt-cv-content\">\u00a0 \u00a0 Sentencia T-1129\/05 \u00a0 DERECHO AL PAGO OPORTUNO DE MESADAS PENSIONALES DE PENSIONADOS DE UNIVERSIDAD DEL ATLANTICO \u00a0 ACCION DE TUTELA-Procedencia excepcional pago de acreencias laborales\u00a0 \u00a0 Esta Corporaci\u00f3n ha se\u00f1alado la procedencia del amparo cuando quiera que la falta de pago de las acreencias laborales produzca la vulneraci\u00f3n del m\u00ednimo vital, la cual se presume en el evento de constatar dicha omisi\u00f3n reiteradamente, durante varios periodos consecutivos, sin que sea posible justificarla en la mala situaci\u00f3n financiera del empleador. \u00a0Al respecto, en procura de complementar y sistematizar unas pautas b\u00e1sicas a partir de las cuales entender vulnerado el ...<br \/><div class=\"pt-cv-rmwrap\"><a href=\"https:\/\/www.dmsjuridica.com\/buscador_20179478954\/corteconstitucionalcronologico202454587\/t-1129-05\/\" class=\"_self pt-cv-readmore btn btn-success\" target=\"_self\">Ver Sentencia Completa...<\/a><\/div><\/div><\/div><\/div>\n<div class=\"col-md-12 col-sm-12 col-xs-12 pt-cv-content-item pt-cv-1-col\" ><div class='pt-cv-ifield'><a href=\"https:\/\/www.dmsjuridica.com\/buscador_20179478954\/corteconstitucionalcronologico202454587\/t-1128-05\/\" class=\"_self pt-cv-href-thumbnail pt-cv-thumb-default\" target=\"_self\" ><\/a>\n<div class=\"pt-cv-taxoterm above_title\"><a href='https:\/\/www.dmsjuridica.com\/buscador_20179478954\/corteconstitucionalcronologico202454587\/category\/buscar-en-toda-la-corte\/2005\/tutelas-2005\/' title='Tutelas 2005' class='pt-cv-tax-tutelas-2005'>Tutelas 2005<\/a><\/div>\n<h4 class=\"pt-cv-title\"><a href=\"https:\/\/www.dmsjuridica.com\/buscador_20179478954\/corteconstitucionalcronologico202454587\/t-1128-05\/\" class=\"_self\" target=\"_self\" >T-1128-05<\/a><\/h4>\n<div class=\"pt-cv-content\">\u00a0 \u00a0 Sentencia T-1128\/05 \u00a0 ACCION DE TUTELA-Procedencia excepcional para reconocimiento de pensi\u00f3n de invalidez \u00a0 ACCION DE TUTELA TRANSITORIA-Debe ser concedida cuando no existen recursos id\u00f3neos o se evidencia perjuicio irremediable \u00a0 Es obligaci\u00f3n del juez constitucional, conceder transitoriamente la tutela a los derechos fundamentales invocados por el accionante, cuando en el caso concreto advierta, por una parte, que los recursos ordinarios a los que \u00e9ste puede acudir para la defensa de sus derechos, no son id\u00f3neos para proveer una protecci\u00f3n pronta y efectiva a los mismos, y, por otra parte, cuando encuentre que, dada la gravedad de los ...<br \/><div class=\"pt-cv-rmwrap\"><a href=\"https:\/\/www.dmsjuridica.com\/buscador_20179478954\/corteconstitucionalcronologico202454587\/t-1128-05\/\" class=\"_self pt-cv-readmore btn btn-success\" target=\"_self\">Ver Sentencia Completa...<\/a><\/div><\/div><\/div><\/div>\n<div class=\"col-md-12 col-sm-12 col-xs-12 pt-cv-content-item pt-cv-1-col\" ><div class='pt-cv-ifield'><a href=\"https:\/\/www.dmsjuridica.com\/buscador_20179478954\/corteconstitucionalcronologico202454587\/t-1127-05\/\" class=\"_self pt-cv-href-thumbnail pt-cv-thumb-default\" target=\"_self\" ><\/a>\n<div class=\"pt-cv-taxoterm above_title\"><a href='https:\/\/www.dmsjuridica.com\/buscador_20179478954\/corteconstitucionalcronologico202454587\/category\/buscar-en-toda-la-corte\/2005\/tutelas-2005\/' title='Tutelas 2005' class='pt-cv-tax-tutelas-2005'>Tutelas 2005<\/a><\/div>\n<h4 class=\"pt-cv-title\"><a href=\"https:\/\/www.dmsjuridica.com\/buscador_20179478954\/corteconstitucionalcronologico202454587\/t-1127-05\/\" class=\"_self\" target=\"_self\" >T-1127-05<\/a><\/h4>\n<div class=\"pt-cv-content\">\u00a0 \u00a0 Sentencia T-1127\/05 \u00a0 ACCION DE TUTELA CONTRA PROVIDENCIAS JUDICIALES POR VIA DE HECHO-Procedencia excepcional\u00a0 \u00a0 ACCION DE TUTELA CONTRA PROVIDENCIAS JUDICIALES-Juez adquiere competencia cuando la actuaci\u00f3n de la \u00a0autoridad judicial es irregular \u00a0 VIA DE HECHO EN PROCESO EJECUTIVO-Terminaci\u00f3n del proceso por reliquidaci\u00f3n del cr\u00e9dito de UPAC \u00a0 VIA DE HECHO-Defecto sustantivo \u00a0 LEY 546 de 1999-Doctrina de la Corte Constitucional sobre el art\u00edculo 42 par\u00e1grafo 3 \u00a0 LEY 546 de 1999-El ejecutado debi\u00f3 ser diligente al interior del proceso ejecutivo hipotecario \u00a0 Si el particular demandado en el proceso ejecutivo no tuvo una conducta activa al interior ...<br \/><div class=\"pt-cv-rmwrap\"><a href=\"https:\/\/www.dmsjuridica.com\/buscador_20179478954\/corteconstitucionalcronologico202454587\/t-1127-05\/\" class=\"_self pt-cv-readmore btn btn-success\" target=\"_self\">Ver Sentencia Completa...<\/a><\/div><\/div><\/div><\/div>\n<div class=\"col-md-12 col-sm-12 col-xs-12 pt-cv-content-item pt-cv-1-col\" ><div class='pt-cv-ifield'><a href=\"https:\/\/www.dmsjuridica.com\/buscador_20179478954\/corteconstitucionalcronologico202454587\/t-1126-05\/\" class=\"_self pt-cv-href-thumbnail pt-cv-thumb-default\" target=\"_self\" ><\/a>\n<div class=\"pt-cv-taxoterm above_title\"><a href='https:\/\/www.dmsjuridica.com\/buscador_20179478954\/corteconstitucionalcronologico202454587\/category\/buscar-en-toda-la-corte\/2005\/tutelas-2005\/' title='Tutelas 2005' class='pt-cv-tax-tutelas-2005'>Tutelas 2005<\/a><\/div>\n<h4 class=\"pt-cv-title\"><a href=\"https:\/\/www.dmsjuridica.com\/buscador_20179478954\/corteconstitucionalcronologico202454587\/t-1126-05\/\" class=\"_self\" target=\"_self\" >T-1126-05<\/a><\/h4>\n<div class=\"pt-cv-content\">\u00a0 \u00a0 Sentencia T-1126\/05 \u00a0 DERECHO DE ACCESO A MEDICAMENTOS EN LA JURISPRUDENCIA CONSTITUCIONAL \u00a0 PERSONA DE LA TERCERA EDAD-Protecci\u00f3n por encontrarse en circunstancias de debilidad manifiesta \u00a0 DERECHO A LA SALUD-Entrega de medicamentos a personas de la tercera edad \u00a0 COMITE TECNICO CIENTIFICO-Funciones \u00a0 Este Comit\u00e9 tiene a su cargo atender las reclamaciones que presenten sus afiliados, en relaci\u00f3n con los servicios de salud y las contingencias que de esa prestaci\u00f3n resulten. De manera espec\u00edfica y en cuanto a medicamentos se refiere, al Comit\u00e9 le corresponde resolver las solicitudes para la autorizaci\u00f3n presentadas por los m\u00e9dicos tratantes para el ...<br \/><div class=\"pt-cv-rmwrap\"><a href=\"https:\/\/www.dmsjuridica.com\/buscador_20179478954\/corteconstitucionalcronologico202454587\/t-1126-05\/\" class=\"_self pt-cv-readmore btn btn-success\" target=\"_self\">Ver Sentencia Completa...<\/a><\/div><\/div><\/div><\/div>\n<div class=\"col-md-12 col-sm-12 col-xs-12 pt-cv-content-item pt-cv-1-col\" ><div class='pt-cv-ifield'><a href=\"https:\/\/www.dmsjuridica.com\/buscador_20179478954\/corteconstitucionalcronologico202454587\/t-1125-05\/\" class=\"_self pt-cv-href-thumbnail pt-cv-thumb-default\" target=\"_self\" ><\/a>\n<div class=\"pt-cv-taxoterm above_title\"><a href='https:\/\/www.dmsjuridica.com\/buscador_20179478954\/corteconstitucionalcronologico202454587\/category\/buscar-en-toda-la-corte\/2005\/tutelas-2005\/' title='Tutelas 2005' class='pt-cv-tax-tutelas-2005'>Tutelas 2005<\/a><\/div>\n<h4 class=\"pt-cv-title\"><a href=\"https:\/\/www.dmsjuridica.com\/buscador_20179478954\/corteconstitucionalcronologico202454587\/t-1125-05\/\" class=\"_self\" target=\"_self\" >T-1125-05<\/a><\/h4>\n<div class=\"pt-cv-content\">\u00a0 \u00a0 Sentencia T-1125\/05 \u00a0 ACCION DE TUTELA-Car\u00e1cter subsidiario y residual\u00a0 \u00a0 DERECHO A LA SALUD-Vulneraci\u00f3n debe ser actual\u00a0 \u00a0 ACCION DE TUTELA-Improcedencia reembolso de dineros por asunci\u00f3n de costos m\u00e9dicos\u00a0 \u00a0 Referencia: expediente T-1199070 \u00a0 Acci\u00f3n de tutela instaurada por la se\u00f1ora Mar\u00eda Helena Blanco Castellanos actuando como agente oficiosa de su esposo Mario Mantilla Abril, contra Saludcoop E.P.S. regional Santander. \u00a0 Procedencia: Juzgado Quinto Civil del Circuito de Bucaramanga \u00a0 \u00a0 \u00a0 \u00a0 \u00a0 \u00a0 \u00a0 \u00a0 \u00a0 Magistrado Ponente: \u00a0 \u00a0Dr. ALFREDO BELTRAN SIERRA \u00a0 Bogot\u00e1, D. C., tres (3) de noviembre de dos mil cinco (2005) ...<br \/><div class=\"pt-cv-rmwrap\"><a href=\"https:\/\/www.dmsjuridica.com\/buscador_20179478954\/corteconstitucionalcronologico202454587\/t-1125-05\/\" class=\"_self pt-cv-readmore btn btn-success\" target=\"_self\">Ver Sentencia Completa...<\/a><\/div><\/div><\/div><\/div>\n<div class=\"col-md-12 col-sm-12 col-xs-12 pt-cv-content-item pt-cv-1-col\" ><div class='pt-cv-ifield'><a href=\"https:\/\/www.dmsjuridica.com\/buscador_20179478954\/corteconstitucionalcronologico202454587\/t-1124-05\/\" class=\"_self pt-cv-href-thumbnail pt-cv-thumb-default\" target=\"_self\" ><\/a>\n<div class=\"pt-cv-taxoterm above_title\"><a href='https:\/\/www.dmsjuridica.com\/buscador_20179478954\/corteconstitucionalcronologico202454587\/category\/buscar-en-toda-la-corte\/2005\/tutelas-2005\/' title='Tutelas 2005' class='pt-cv-tax-tutelas-2005'>Tutelas 2005<\/a><\/div>\n<h4 class=\"pt-cv-title\"><a href=\"https:\/\/www.dmsjuridica.com\/buscador_20179478954\/corteconstitucionalcronologico202454587\/t-1124-05\/\" class=\"_self\" target=\"_self\" >T-1124-05<\/a><\/h4>\n<div class=\"pt-cv-content\">\u00a0 \u00a0 Sentencia T-1124\/05 \u00a0 DERECHO DE PETICION-Car\u00e1cter fundamental \u00a0 DERECHO DE PETICION-Elementos caracter\u00edsticos\u00a0 \u00a0 DERECHO DE PETICION ANTE JUEZ-Respecto de asuntos que deben ser resueltos en oportunidad procesal y con arreglo a normas propias de cada juicio\u00a0 \u00a0 Si bien es cierto el derecho de petici\u00f3n puede ejercerse ante los jueces y en consecuencia \u00e9stos se hallan obligados a tramitar y responder las solicitudes que se les presenten, en los t\u00e9rminos que la ley se\u00f1ale, y de no hacerlo desconocen esta garant\u00eda fundamental, tambi\u00e9n lo es que el juez que conduce un proceso judicial est\u00e1 sometido a las reglas ...<br \/><div class=\"pt-cv-rmwrap\"><a href=\"https:\/\/www.dmsjuridica.com\/buscador_20179478954\/corteconstitucionalcronologico202454587\/t-1124-05\/\" class=\"_self pt-cv-readmore btn btn-success\" target=\"_self\">Ver Sentencia Completa...<\/a><\/div><\/div><\/div><\/div>\n<div class=\"col-md-12 col-sm-12 col-xs-12 pt-cv-content-item pt-cv-1-col\" ><div class='pt-cv-ifield'><a href=\"https:\/\/www.dmsjuridica.com\/buscador_20179478954\/corteconstitucionalcronologico202454587\/t-1123-05\/\" class=\"_self pt-cv-href-thumbnail pt-cv-thumb-default\" target=\"_self\" ><\/a>\n<div class=\"pt-cv-taxoterm above_title\"><a href='https:\/\/www.dmsjuridica.com\/buscador_20179478954\/corteconstitucionalcronologico202454587\/category\/buscar-en-toda-la-corte\/2005\/tutelas-2005\/' title='Tutelas 2005' class='pt-cv-tax-tutelas-2005'>Tutelas 2005<\/a><\/div>\n<h4 class=\"pt-cv-title\"><a href=\"https:\/\/www.dmsjuridica.com\/buscador_20179478954\/corteconstitucionalcronologico202454587\/t-1123-05\/\" class=\"_self\" target=\"_self\" >T-1123-05<\/a><\/h4>\n<div class=\"pt-cv-content\">\u00a0 \u00a0 Sentencia T-1123\/05 \u00a0 ENTIDAD PROMOTORA DE SALUD-Casos en que medicamento comercial puede ser reemplazado por otro gen\u00e9rico \u00a0 El Acuerdo No. 228 de 2002 otorga a las Entidades Promotoras de Salud la facultad de ordenar el suministro de medicamentos ya sea de tipo comercial o gen\u00e9rico, siempre y cuando los mismos conserven las condiciones de calidad, seguridad, eficacia y comodidad para el paciente. En todo caso es prevalente la decisi\u00f3n de m\u00e9dico tratante para ordenar una droga excluida del plan obligatorio de salud, por considerarla necesaria para salvaguardar los derechos de un paciente, y debe ser respetada, salvo ...<br \/><div class=\"pt-cv-rmwrap\"><a href=\"https:\/\/www.dmsjuridica.com\/buscador_20179478954\/corteconstitucionalcronologico202454587\/t-1123-05\/\" class=\"_self pt-cv-readmore btn btn-success\" target=\"_self\">Ver Sentencia Completa...<\/a><\/div><\/div><\/div><\/div>\n<div class=\"col-md-12 col-sm-12 col-xs-12 pt-cv-content-item pt-cv-1-col\" ><div class='pt-cv-ifield'><a href=\"https:\/\/www.dmsjuridica.com\/buscador_20179478954\/corteconstitucionalcronologico202454587\/t-112-05\/\" class=\"_self pt-cv-href-thumbnail pt-cv-thumb-default\" target=\"_self\" ><\/a>\n<div class=\"pt-cv-taxoterm above_title\"><a href='https:\/\/www.dmsjuridica.com\/buscador_20179478954\/corteconstitucionalcronologico202454587\/category\/buscar-en-toda-la-corte\/2005\/tutelas-2005\/' title='Tutelas 2005' class='pt-cv-tax-tutelas-2005'>Tutelas 2005<\/a><\/div>\n<h4 class=\"pt-cv-title\"><a href=\"https:\/\/www.dmsjuridica.com\/buscador_20179478954\/corteconstitucionalcronologico202454587\/t-112-05\/\" class=\"_self\" target=\"_self\" >T-112-05<\/a><\/h4>\n<div class=\"pt-cv-content\">\u00a0 \u00a0 Sentencia T-112\/05 \u00a0 NOTIFICACION DE ACCION DE TUTELA-Medios expeditos y eficaces \u00a0 DERECHO A LA SALUD-Car\u00e1cter prestacional\/DERECHO A LA SALUD-Fundamental por conexidad con la vida digna \u00a0 INAPLICACION DE NORMAS DEL PLAN OBLIGATORIO DE SALUD-Casos en que procede por exclusi\u00f3n de tratamientos y medicamentos de alto costo \u00a0 Referencia: expediente T-989234 \u00a0 Acci\u00f3n de tutela instaurada por Mario Sanz S\u00e1nchez contra COOMEVA EPS y extendida oficiosamente al Ministerio de Protecci\u00f3n Social, como director del Fondo de Solidaridad y Garant\u00edas en Salud. \u00a0 Magistrado Ponente: \u00a0 Dr. JAIME ARA\u00daJO RENTER\u00cdA \u00a0 Bogot\u00e1 D.C., catorce (14) de febrero de dos ...<br \/><div class=\"pt-cv-rmwrap\"><a href=\"https:\/\/www.dmsjuridica.com\/buscador_20179478954\/corteconstitucionalcronologico202454587\/t-112-05\/\" class=\"_self pt-cv-readmore btn btn-success\" target=\"_self\">Ver Sentencia Completa...<\/a><\/div><\/div><\/div><\/div>\n<div class=\"col-md-12 col-sm-12 col-xs-12 pt-cv-content-item pt-cv-1-col\" ><div class='pt-cv-ifield'><a href=\"https:\/\/www.dmsjuridica.com\/buscador_20179478954\/corteconstitucionalcronologico202454587\/t-1117-05\/\" class=\"_self pt-cv-href-thumbnail pt-cv-thumb-default\" target=\"_self\" ><\/a>\n<div class=\"pt-cv-taxoterm above_title\"><a href='https:\/\/www.dmsjuridica.com\/buscador_20179478954\/corteconstitucionalcronologico202454587\/category\/buscar-en-toda-la-corte\/2005\/tutelas-2005\/' title='Tutelas 2005' class='pt-cv-tax-tutelas-2005'>Tutelas 2005<\/a><\/div>\n<h4 class=\"pt-cv-title\"><a href=\"https:\/\/www.dmsjuridica.com\/buscador_20179478954\/corteconstitucionalcronologico202454587\/t-1117-05\/\" class=\"_self\" target=\"_self\" >T-1117-05<\/a><\/h4>\n<div class=\"pt-cv-content\">\u00a0 \u00a0 Sentencia T-1117\/05 \u00a0 MUJER CABEZA DE FAMILIA-Protecci\u00f3n constitucional especial\u00a0 \u00a0 MADRE CABEZA DE FAMILIA-Protecci\u00f3n fundada en el respeto de los derechos fundamentales de los ni\u00f1os.\u00a0 \u00a0 Conforme a lo expuesto, no se protege en situaciones como la que ahora analiza la Corte, a la mujer por ser mujer; ni al hombre por su condici\u00f3n de tal sino, al uno o al otro cuando tengan la calidad de cabeza del hogar; en raz\u00f3n a la protecci\u00f3n constitucional a que tiene derecho la familia (articulo 5 de la Carta), y de manera especial los ni\u00f1os, conforme a lo perpetuado, por ...<br \/><div class=\"pt-cv-rmwrap\"><a href=\"https:\/\/www.dmsjuridica.com\/buscador_20179478954\/corteconstitucionalcronologico202454587\/t-1117-05\/\" class=\"_self pt-cv-readmore btn btn-success\" target=\"_self\">Ver Sentencia Completa...<\/a><\/div><\/div><\/div><\/div>\n<div class=\"col-md-12 col-sm-12 col-xs-12 pt-cv-content-item pt-cv-1-col\" ><div class='pt-cv-ifield'><a href=\"https:\/\/www.dmsjuridica.com\/buscador_20179478954\/corteconstitucionalcronologico202454587\/t-1116-05\/\" class=\"_self pt-cv-href-thumbnail pt-cv-thumb-default\" target=\"_self\" ><\/a>\n<div class=\"pt-cv-taxoterm above_title\"><a href='https:\/\/www.dmsjuridica.com\/buscador_20179478954\/corteconstitucionalcronologico202454587\/category\/buscar-en-toda-la-corte\/2005\/tutelas-2005\/' title='Tutelas 2005' class='pt-cv-tax-tutelas-2005'>Tutelas 2005<\/a><\/div>\n<h4 class=\"pt-cv-title\"><a href=\"https:\/\/www.dmsjuridica.com\/buscador_20179478954\/corteconstitucionalcronologico202454587\/t-1116-05\/\" class=\"_self\" target=\"_self\" >T-1116-05<\/a><\/h4>\n<div class=\"pt-cv-content\">\u00a0 \u00a0 Sentencia T-1116\/05 \u00a0 LICENCIA DE MATERNIDAD-Reconocimiento y pago \u00a0 ALLANAMIENTO A LA MORA POR ENTIDAD PROMOTORA DE SALUD \u00a0 PRESUNCION DE AFECTACION DEL MINIMO VITAL-Puede ser desvirtuada por EPS o empleador \u00a0 Sin embargo, la Corte ha considerado que la EPS o el empleador pueden desvirtuar la presunci\u00f3n de afectaci\u00f3n del m\u00ednimo vital, demostrando, por ejemplo, que la actora tiene ingresos muy superiores a aquellos que originan tal presunci\u00f3n o que tiene otras fuentes de ingreso suficientes para satisfacer sus necesidades. \u00a0 Referencia: expedientes T-1148283 y T-1149255 \u00a0 Acciones de tutela interpuestas por Yaneth Efigenia Pe\u00f1a Fuentes y ...<br \/><div class=\"pt-cv-rmwrap\"><a href=\"https:\/\/www.dmsjuridica.com\/buscador_20179478954\/corteconstitucionalcronologico202454587\/t-1116-05\/\" class=\"_self pt-cv-readmore btn btn-success\" target=\"_self\">Ver Sentencia Completa...<\/a><\/div><\/div><\/div><\/div>\n<div class=\"col-md-12 col-sm-12 col-xs-12 pt-cv-content-item pt-cv-1-col\" ><div class='pt-cv-ifield'><a href=\"https:\/\/www.dmsjuridica.com\/buscador_20179478954\/corteconstitucionalcronologico202454587\/t-1115-05\/\" class=\"_self pt-cv-href-thumbnail pt-cv-thumb-default\" target=\"_self\" ><\/a>\n<div class=\"pt-cv-taxoterm above_title\"><a href='https:\/\/www.dmsjuridica.com\/buscador_20179478954\/corteconstitucionalcronologico202454587\/category\/buscar-en-toda-la-corte\/2005\/tutelas-2005\/' title='Tutelas 2005' class='pt-cv-tax-tutelas-2005'>Tutelas 2005<\/a><\/div>\n<h4 class=\"pt-cv-title\"><a href=\"https:\/\/www.dmsjuridica.com\/buscador_20179478954\/corteconstitucionalcronologico202454587\/t-1115-05\/\" class=\"_self\" target=\"_self\" >T-1115-05<\/a><\/h4>\n<div class=\"pt-cv-content\">\u00a0 \u00a0 Sentencia T-1115\/05 \u00a0 DERECHO A LA SALUD DEL SOLDADO RETIRADO-Obligaci\u00f3n de atenci\u00f3n m\u00e9dica \u00a0 SOLDADO RETIRADO-Caso en que se remiten copias al Ministerio P\u00fablico para investigaci\u00f3n sobre maltratos \u00a0 Reiteraci\u00f3n de Jurisprudencia \u00a0 Referencia: expediente T-1145155 \u00a0 Magistrado Ponente: \u00a0 Dr. JAIME C\u00d3RDOBA TRIVI\u00d1O \u00a0 Bogot\u00e1 D. C., veintiocho (28) de octubre de dos mil cinco (2005). \u00a0 La Sala Cuarta de Revisi\u00f3n de la Corte Constitucional, en ejercicio de sus competencias constitucionales y legales, espec\u00edficamente las previstas en los art\u00edculos 86 y 241 numeral 9 de la Constituci\u00f3n Pol\u00edtica y en el Decreto 2591 de 1991, profiere ...<br \/><div class=\"pt-cv-rmwrap\"><a href=\"https:\/\/www.dmsjuridica.com\/buscador_20179478954\/corteconstitucionalcronologico202454587\/t-1115-05\/\" class=\"_self pt-cv-readmore btn btn-success\" target=\"_self\">Ver Sentencia Completa...<\/a><\/div><\/div><\/div><\/div>\n<div class=\"col-md-12 col-sm-12 col-xs-12 pt-cv-content-item pt-cv-1-col\" ><div class='pt-cv-ifield'><a href=\"https:\/\/www.dmsjuridica.com\/buscador_20179478954\/corteconstitucionalcronologico202454587\/t-1114-05\/\" class=\"_self pt-cv-href-thumbnail pt-cv-thumb-default\" target=\"_self\" ><\/a>\n<div class=\"pt-cv-taxoterm above_title\"><a href='https:\/\/www.dmsjuridica.com\/buscador_20179478954\/corteconstitucionalcronologico202454587\/category\/buscar-en-toda-la-corte\/2005\/tutelas-2005\/' title='Tutelas 2005' class='pt-cv-tax-tutelas-2005'>Tutelas 2005<\/a><\/div>\n<h4 class=\"pt-cv-title\"><a href=\"https:\/\/www.dmsjuridica.com\/buscador_20179478954\/corteconstitucionalcronologico202454587\/t-1114-05\/\" class=\"_self\" target=\"_self\" >T-1114-05<\/a><\/h4>\n<div class=\"pt-cv-content\">\u00a0 \u00a0 Sentencia T-1114\/05 \u00a0 ACCION DE TUTELA-Procedencia excepcional para resolver conflictos relacionados con reconocimiento o reliquidaci\u00f3n de prestaciones sociales\u00a0 \u00a0 De acuerdo con la jurisprudencia establecida por la Corte, en principio, la acci\u00f3n de tutela no es el mecanismo judicial id\u00f3neo para resolver las controversias relativas al reconocimiento o reliquidaci\u00f3n de prestaciones sociales, particularmente de pensiones de vejez. Seg\u00fan lo ha precisado la propia jurisprudencia, por encontrarse comprometidos en estas materias derechos litigiosos de naturaleza legal y desarrollo progresivo, la competencia prevalente para resolver este tipo de conflictos ha sido asignada por el ordenamiento jur\u00eddico a la justicia laboral ...<br \/><div class=\"pt-cv-rmwrap\"><a href=\"https:\/\/www.dmsjuridica.com\/buscador_20179478954\/corteconstitucionalcronologico202454587\/t-1114-05\/\" class=\"_self pt-cv-readmore btn btn-success\" target=\"_self\">Ver Sentencia Completa...<\/a><\/div><\/div><\/div><\/div>\n<div class=\"col-md-12 col-sm-12 col-xs-12 pt-cv-content-item pt-cv-1-col\" ><div class='pt-cv-ifield'><a href=\"https:\/\/www.dmsjuridica.com\/buscador_20179478954\/corteconstitucionalcronologico202454587\/t-1113-05\/\" class=\"_self pt-cv-href-thumbnail pt-cv-thumb-default\" target=\"_self\" ><\/a>\n<div class=\"pt-cv-taxoterm above_title\"><a href='https:\/\/www.dmsjuridica.com\/buscador_20179478954\/corteconstitucionalcronologico202454587\/category\/buscar-en-toda-la-corte\/2005\/tutelas-2005\/' title='Tutelas 2005' class='pt-cv-tax-tutelas-2005'>Tutelas 2005<\/a><\/div>\n<h4 class=\"pt-cv-title\"><a href=\"https:\/\/www.dmsjuridica.com\/buscador_20179478954\/corteconstitucionalcronologico202454587\/t-1113-05\/\" class=\"_self\" target=\"_self\" >T-1113-05<\/a><\/h4>\n<div class=\"pt-cv-content\">\u00a0 \u00a0 Sentencia T-1113\/05 \u00a0 ACCION DE TUTELA CONTRA INCIDENTE DE DESACATO-Procedencia excepcional \u00a0 ACCION DE TUTELA-Objeto y naturaleza \u00a0 FALLO DE TUTELA-Contenido \u00a0 SENTENCIA DE TUTELA-Cumplimiento inmediato \u00a0 INCIDENTE DE DESACATO-L\u00edmites, deberes y facultades del juez\u00a0 \u00a0 JUEZ DE TUTELA-Facultad para hacer cumplir sus fallos \u00a0 La protecci\u00f3n que se otorga a trav\u00e9s del fallo que se dicta con ocasi\u00f3n de una acci\u00f3n de tutela ser\u00eda inocua si no existieran mecanismos \u00e1giles, eficaces y oportunos al alcance del juez para coaccionar u obligar a la autoridad o persona que viol\u00f3 o desconoci\u00f3 un derecho fundamental, y destinatario de una ...<br \/><div class=\"pt-cv-rmwrap\"><a href=\"https:\/\/www.dmsjuridica.com\/buscador_20179478954\/corteconstitucionalcronologico202454587\/t-1113-05\/\" class=\"_self pt-cv-readmore btn btn-success\" target=\"_self\">Ver Sentencia Completa...<\/a><\/div><\/div><\/div><\/div>\n<div class=\"col-md-12 col-sm-12 col-xs-12 pt-cv-content-item pt-cv-1-col\" ><div class='pt-cv-ifield'><a href=\"https:\/\/www.dmsjuridica.com\/buscador_20179478954\/corteconstitucionalcronologico202454587\/t-1112-05\/\" class=\"_self pt-cv-href-thumbnail pt-cv-thumb-default\" target=\"_self\" ><\/a>\n<div class=\"pt-cv-taxoterm above_title\"><a href='https:\/\/www.dmsjuridica.com\/buscador_20179478954\/corteconstitucionalcronologico202454587\/category\/buscar-en-toda-la-corte\/2005\/tutelas-2005\/' title='Tutelas 2005' class='pt-cv-tax-tutelas-2005'>Tutelas 2005<\/a><\/div>\n<h4 class=\"pt-cv-title\"><a href=\"https:\/\/www.dmsjuridica.com\/buscador_20179478954\/corteconstitucionalcronologico202454587\/t-1112-05\/\" class=\"_self\" target=\"_self\" >T-1112-05<\/a><\/h4>\n<div class=\"pt-cv-content\">\u00a0 \u00a0 Sentencia T-1112\/05 \u00a0 ACCION DE TUTELA CONTRA ACTO ADMINISTRATIVO QUE IMPUSO MULTA-Improcedencia \u00a0 El inciso tercero del art\u00edculo 86 de la Constituci\u00f3n dispone que la acci\u00f3n de tutela \u00a0\u201cs\u00f3lo proceder\u00e1 cuando el afectado no disponga de otro medio de defensa judicial, salvo que aqu\u00e9lla se utilice como mecanismo transitorio para evitar un perjuicio irremediable.\u201d En aplicaci\u00f3n de esta norma, esta Corporaci\u00f3n ha sostenido en forma reiterada que la tutela tiene un car\u00e1cter subsidiario y que solamente proceder\u00e1 cuando no existen otros medios de defensa judicial a trav\u00e9s de los cuales se pueda solicitar la protecci\u00f3n de los derechos ...<br \/><div class=\"pt-cv-rmwrap\"><a href=\"https:\/\/www.dmsjuridica.com\/buscador_20179478954\/corteconstitucionalcronologico202454587\/t-1112-05\/\" class=\"_self pt-cv-readmore btn btn-success\" target=\"_self\">Ver Sentencia Completa...<\/a><\/div><\/div><\/div><\/div>\n<div class=\"col-md-12 col-sm-12 col-xs-12 pt-cv-content-item pt-cv-1-col\" ><div class='pt-cv-ifield'><a href=\"https:\/\/www.dmsjuridica.com\/buscador_20179478954\/corteconstitucionalcronologico202454587\/t-1111-05\/\" class=\"_self pt-cv-href-thumbnail pt-cv-thumb-default\" target=\"_self\" ><\/a>\n<div class=\"pt-cv-taxoterm above_title\"><a href='https:\/\/www.dmsjuridica.com\/buscador_20179478954\/corteconstitucionalcronologico202454587\/category\/buscar-en-toda-la-corte\/2005\/tutelas-2005\/' title='Tutelas 2005' class='pt-cv-tax-tutelas-2005'>Tutelas 2005<\/a><\/div>\n<h4 class=\"pt-cv-title\"><a href=\"https:\/\/www.dmsjuridica.com\/buscador_20179478954\/corteconstitucionalcronologico202454587\/t-1111-05\/\" class=\"_self\" target=\"_self\" >T-1111-05<\/a><\/h4>\n<div class=\"pt-cv-content\">\u00a0 \u00a0 Sentencia T-1111\/05 \u00a0 ACCION DE TUTELA-Carencia actual de objeto \u00a0 Acci\u00f3n de tutela instaurada por Marco Tulio Valencia Peralta, Jhon Faber Valencia S\u00e1nchez y Francisco Restrepo en contra del Municipio de Armenia \u2013 Secretar\u00eda de Gobierno Municipal, el Instituto Nacional Penitenciario y Carcelario \u2013 INPEC, Regional Quind\u00edo, la Direcci\u00f3n Seccional de Fiscal\u00edas de Armenia y La Direcci\u00f3n Seccional del Cuerpo T\u00e9cnico de Investigaci\u00f3n de Armenia. \u00a0 Magistrado ponente: \u00a0 Dr. MANUEL JOSE CEPEDA ESPINOSA \u00a0 Bogot\u00e1, D. C., veintiocho (28) de octubre de dos mil cinco (2005). \u00a0 La Sala Tercera de Revisi\u00f3n de la Corte Constitucional, integrada ...<br \/><div class=\"pt-cv-rmwrap\"><a href=\"https:\/\/www.dmsjuridica.com\/buscador_20179478954\/corteconstitucionalcronologico202454587\/t-1111-05\/\" class=\"_self pt-cv-readmore btn btn-success\" target=\"_self\">Ver Sentencia Completa...<\/a><\/div><\/div><\/div><\/div>\n<div class=\"col-md-12 col-sm-12 col-xs-12 pt-cv-content-item pt-cv-1-col\" ><div class='pt-cv-ifield'><a href=\"https:\/\/www.dmsjuridica.com\/buscador_20179478954\/corteconstitucionalcronologico202454587\/t-1110-05\/\" class=\"_self pt-cv-href-thumbnail pt-cv-thumb-default\" target=\"_self\" ><\/a>\n<div class=\"pt-cv-taxoterm above_title\"><a href='https:\/\/www.dmsjuridica.com\/buscador_20179478954\/corteconstitucionalcronologico202454587\/category\/buscar-en-toda-la-corte\/2005\/tutelas-2005\/' title='Tutelas 2005' class='pt-cv-tax-tutelas-2005'>Tutelas 2005<\/a><\/div>\n<h4 class=\"pt-cv-title\"><a href=\"https:\/\/www.dmsjuridica.com\/buscador_20179478954\/corteconstitucionalcronologico202454587\/t-1110-05\/\" class=\"_self\" target=\"_self\" >T-1110-05<\/a><\/h4>\n<div class=\"pt-cv-content\">\u00a0 \u00a0 Sentencia T-1110\/05 \u00a0 ACCION DE TUTELA CONTRA SENTENCIAS-Causales de procedibilidad \u00a0 Se llena de contenido la aplicaci\u00f3n de los supuestos de procedibilidad de la tutela contra sentencias judiciales, mediante el estudio material del defecto del que presuntamente adolece el fallo. Esto es, se precisa concretar su dimensi\u00f3n como error frente a lo que dispone el orden constitucional. Lo cual quiere decir que la incursi\u00f3n en uno de los supuestos que hace procedente el amparo contra sentencias, por s\u00ed sola no cobra el peso suficiente para cesar los efectos de la decisi\u00f3n judicial, por orden del juez de tutela ...<br \/><div class=\"pt-cv-rmwrap\"><a href=\"https:\/\/www.dmsjuridica.com\/buscador_20179478954\/corteconstitucionalcronologico202454587\/t-1110-05\/\" class=\"_self pt-cv-readmore btn btn-success\" target=\"_self\">Ver Sentencia Completa...<\/a><\/div><\/div><\/div><\/div>\n<div class=\"col-md-12 col-sm-12 col-xs-12 pt-cv-content-item pt-cv-1-col\" ><div class='pt-cv-ifield'><a href=\"https:\/\/www.dmsjuridica.com\/buscador_20179478954\/corteconstitucionalcronologico202454587\/t-111-05\/\" class=\"_self pt-cv-href-thumbnail pt-cv-thumb-default\" target=\"_self\" ><\/a>\n<div class=\"pt-cv-taxoterm above_title\"><a href='https:\/\/www.dmsjuridica.com\/buscador_20179478954\/corteconstitucionalcronologico202454587\/category\/buscar-en-toda-la-corte\/2005\/tutelas-2005\/' title='Tutelas 2005' class='pt-cv-tax-tutelas-2005'>Tutelas 2005<\/a><\/div>\n<h4 class=\"pt-cv-title\"><a href=\"https:\/\/www.dmsjuridica.com\/buscador_20179478954\/corteconstitucionalcronologico202454587\/t-111-05\/\" class=\"_self\" target=\"_self\" >T-111-05<\/a><\/h4>\n<div class=\"pt-cv-content\">\u00a0 \u00a0 Sentencia T-111\/05 \u00a0 SISTEMA GENERAL DE SEGURIDAD SOCIAL EN SALUD-Excepci\u00f3n al cumplimiento de pagos moderadores\u00a0 \u00a0 REGIMEN DE SEGURIDAD SOCIAL EN SALUD-Persona vinculada a la que se le dio trato discriminatorio al exigirle pago de cuota de recuperaci\u00f3n \u00a0 DERECHO A LA SALUD-Beneficiarios del sistema no deben soportar inconvenientes presupuestales o tr\u00e1mites burocr\u00e1ticos\/DERECHO A LA SALUD DEL MENOR-Perteneciente al r\u00e9gimen subsidiado de salud y su padre carece de recursos econ\u00f3micos para costos de transporte y manutenci\u00f3n en otra ciudad \u00a0 Referencia: expediente T-989878 \u00a0 Peticionario: Jos\u00e9 Galeano Vega \u00a0 Accionado: Departamento Administrativo de Salud de Bol\u00edvar \u00a0 Magistrado ...<br \/><div class=\"pt-cv-rmwrap\"><a href=\"https:\/\/www.dmsjuridica.com\/buscador_20179478954\/corteconstitucionalcronologico202454587\/t-111-05\/\" class=\"_self pt-cv-readmore btn btn-success\" target=\"_self\">Ver Sentencia Completa...<\/a><\/div><\/div><\/div><\/div>\n<div class=\"col-md-12 col-sm-12 col-xs-12 pt-cv-content-item pt-cv-1-col\" ><div class='pt-cv-ifield'><a href=\"https:\/\/www.dmsjuridica.com\/buscador_20179478954\/corteconstitucionalcronologico202454587\/t-1109-05\/\" class=\"_self pt-cv-href-thumbnail pt-cv-thumb-default\" target=\"_self\" ><\/a>\n<div class=\"pt-cv-taxoterm above_title\"><a href='https:\/\/www.dmsjuridica.com\/buscador_20179478954\/corteconstitucionalcronologico202454587\/category\/buscar-en-toda-la-corte\/2005\/tutelas-2005\/' title='Tutelas 2005' class='pt-cv-tax-tutelas-2005'>Tutelas 2005<\/a><\/div>\n<h4 class=\"pt-cv-title\"><a href=\"https:\/\/www.dmsjuridica.com\/buscador_20179478954\/corteconstitucionalcronologico202454587\/t-1109-05\/\" class=\"_self\" target=\"_self\" >T-1109-05<\/a><\/h4>\n<div class=\"pt-cv-content\">\u00a0 \u00a0 Sentencia T-1109\/05 \u00a0 CONTRATO DE TRABAJO-Primac\u00eda de la realidad sobre la formalidad. \u00a0 CONTRATO DE TRABAJO-Elementos\u00a0 \u00a0 CONTRATO DE TRABAJO Y CONTRATO DE PRESTACION DE SERVICIOS-Tienen diferencias sustanciales \u00a0 ACCION DE TUTELA TRANSITORIA-Procedencia excepcional por existir perjuicio irremediable \u00a0 Referencia: expediente T-1150082 \u00a0 Acci\u00f3n de tutela instaurada por Abelardo Valencia Ram\u00edrez contra la Alcald\u00eda Municipal de Pereira. \u00a0 Magistrado Ponente: \u00a0 Dr. HUMBERTO ANTONIO SIERRA PORTO. \u00a0 Bogot\u00e1 D. C., veintiocho (28) de octubre de dos mil cinco (2005). \u00a0 La Sala S\u00e9ptima de Revisi\u00f3n de la Corte Constitucional, integrada por los magistrados Clara In\u00e9s Vargas Hern\u00e1ndez, \u00c1lvaro ...<br \/><div class=\"pt-cv-rmwrap\"><a href=\"https:\/\/www.dmsjuridica.com\/buscador_20179478954\/corteconstitucionalcronologico202454587\/t-1109-05\/\" class=\"_self pt-cv-readmore btn btn-success\" target=\"_self\">Ver Sentencia Completa...<\/a><\/div><\/div><\/div><\/div>\n<div class=\"col-md-12 col-sm-12 col-xs-12 pt-cv-content-item pt-cv-1-col\" ><div class='pt-cv-ifield'><a href=\"https:\/\/www.dmsjuridica.com\/buscador_20179478954\/corteconstitucionalcronologico202454587\/t-1108-05\/\" class=\"_self pt-cv-href-thumbnail pt-cv-thumb-default\" target=\"_self\" ><\/a>\n<div class=\"pt-cv-taxoterm above_title\"><a href='https:\/\/www.dmsjuridica.com\/buscador_20179478954\/corteconstitucionalcronologico202454587\/category\/buscar-en-toda-la-corte\/2005\/tutelas-2005\/' title='Tutelas 2005' class='pt-cv-tax-tutelas-2005'>Tutelas 2005<\/a><\/div>\n<h4 class=\"pt-cv-title\"><a href=\"https:\/\/www.dmsjuridica.com\/buscador_20179478954\/corteconstitucionalcronologico202454587\/t-1108-05\/\" class=\"_self\" target=\"_self\" >T-1108-05<\/a><\/h4>\n<div class=\"pt-cv-content\">\u00a0 \u00a0 Sentencia T-1108\/05 \u00a0 ACCION DE REINTEGRO DE TRABAJADOR CON FUERO SINDICAL-Protecci\u00f3n de derechos fundamentales por despido sin previa calificaci\u00f3n judicial. \u00a0 EMPRESA EN REESTRUCTURACION-Acci\u00f3n de reintegro de empleado p\u00fablico con fuero sindical \u00a0 En los casos de reestructuraci\u00f3n de empresas, cuando pese a la incurr\u00eda del patrono, y la decisi\u00f3n favorable al trabajador en la acci\u00f3n de reintegro, se hace jur\u00eddicamente imposible la reincorporaci\u00f3n del empleado, ser\u00e1 mediante un proceso ordinario laboral, en el cual intervenga el trabajador, que habr\u00e1 de determinarse la admisibilidad de la causal alegada por la entidad. El juez laboral debe entonces determinar si, ...<br \/><div class=\"pt-cv-rmwrap\"><a href=\"https:\/\/www.dmsjuridica.com\/buscador_20179478954\/corteconstitucionalcronologico202454587\/t-1108-05\/\" class=\"_self pt-cv-readmore btn btn-success\" target=\"_self\">Ver Sentencia Completa...<\/a><\/div><\/div><\/div><\/div>\n<div class=\"col-md-12 col-sm-12 col-xs-12 pt-cv-content-item pt-cv-1-col\" ><div class='pt-cv-ifield'><a href=\"https:\/\/www.dmsjuridica.com\/buscador_20179478954\/corteconstitucionalcronologico202454587\/t-1107-05\/\" class=\"_self pt-cv-href-thumbnail pt-cv-thumb-default\" target=\"_self\" ><\/a>\n<div class=\"pt-cv-taxoterm above_title\"><a href='https:\/\/www.dmsjuridica.com\/buscador_20179478954\/corteconstitucionalcronologico202454587\/category\/buscar-en-toda-la-corte\/2005\/tutelas-2005\/' title='Tutelas 2005' class='pt-cv-tax-tutelas-2005'>Tutelas 2005<\/a><\/div>\n<h4 class=\"pt-cv-title\"><a href=\"https:\/\/www.dmsjuridica.com\/buscador_20179478954\/corteconstitucionalcronologico202454587\/t-1107-05\/\" class=\"_self\" target=\"_self\" >T-1107-05<\/a><\/h4>\n<div class=\"pt-cv-content\">\u00a0 \u00a0 Sentencia T-1107\/05 \u00a0 DERECHO A LA EDUCACION FRENTE A DERECHOS ECONOMICOS DE LAS INSTITUCIONES EDUCATIVAS-L\u00ednea jurisprudencial \u00a0 DERECHO A LA EDUCACION-Retenci\u00f3n certificado de estudios y documentos \u00a0 La retenci\u00f3n injustificada de esta clase de documentos se convierte en una conducta lesiva del derecho a la educaci\u00f3n, contraria al principio de dignidad humana y atentatoria del derecho al libre desarrollo de la personalidad. Esto, debido a que la entrega de los certificados acad\u00e9micos no es sin\u00f3nimo de condonaci\u00f3n de deudas, pues en ning\u00fan momento se libera al deudor para que cumpla con el pago de los compromisos adquiridos. \u00a0 ...<br \/><div class=\"pt-cv-rmwrap\"><a href=\"https:\/\/www.dmsjuridica.com\/buscador_20179478954\/corteconstitucionalcronologico202454587\/t-1107-05\/\" class=\"_self pt-cv-readmore btn btn-success\" target=\"_self\">Ver Sentencia Completa...<\/a><\/div><\/div><\/div><\/div>\n<div class=\"col-md-12 col-sm-12 col-xs-12 pt-cv-content-item pt-cv-1-col\" ><div class='pt-cv-ifield'><a href=\"https:\/\/www.dmsjuridica.com\/buscador_20179478954\/corteconstitucionalcronologico202454587\/t-1106-05\/\" class=\"_self pt-cv-href-thumbnail pt-cv-thumb-default\" target=\"_self\" ><\/a>\n<div class=\"pt-cv-taxoterm above_title\"><a href='https:\/\/www.dmsjuridica.com\/buscador_20179478954\/corteconstitucionalcronologico202454587\/category\/buscar-en-toda-la-corte\/2005\/tutelas-2005\/' title='Tutelas 2005' class='pt-cv-tax-tutelas-2005'>Tutelas 2005<\/a><\/div>\n<h4 class=\"pt-cv-title\"><a href=\"https:\/\/www.dmsjuridica.com\/buscador_20179478954\/corteconstitucionalcronologico202454587\/t-1106-05\/\" class=\"_self\" target=\"_self\" >T-1106-05<\/a><\/h4>\n<div class=\"pt-cv-content\">\u00a0 \u00a0 Sentencia T-1106\/05 \u00a0 ACCION DE TUTELA CONTRA PARTICULARES-Procedencia excepcional. \u00a0 ACCION DE TUTELA CONTRA PARTICULARES-Requisito esencial de procedencia es la subordinaci\u00f3n \u00a0 MEDIO DE DEFENSA JUDICIAL-Controversia entre copropietarios\/PROCESO VERBAL SUMARIO-Controversias entre copropietarios\u00a0 \u00a0 ACCION DE TUTELA CONTRA ADMINISTRACION DE CONJUNTO RESIDENCIAL-Casos en que procede \u00a0 SANCION DE ASAMBLEA DE COPROPIETARIOS-Declaratoria de persona no grata \u00a0 De manera general, puede definirse la sanci\u00f3n como una reacci\u00f3n del ordenamiento frente al comportamiento de una persona, que se manifiesta en una consecuencia positiva o negativa seg\u00fan la valoraci\u00f3n \u00e9tica, social o jur\u00eddica de la conducta. La declaratoria de \u201cpersona no grata\u201d ...<br \/><div class=\"pt-cv-rmwrap\"><a href=\"https:\/\/www.dmsjuridica.com\/buscador_20179478954\/corteconstitucionalcronologico202454587\/t-1106-05\/\" class=\"_self pt-cv-readmore btn btn-success\" target=\"_self\">Ver Sentencia Completa...<\/a><\/div><\/div><\/div><\/div>\n<div class=\"col-md-12 col-sm-12 col-xs-12 pt-cv-content-item pt-cv-1-col\" ><div class='pt-cv-ifield'><a href=\"https:\/\/www.dmsjuridica.com\/buscador_20179478954\/corteconstitucionalcronologico202454587\/t-1105-05\/\" class=\"_self pt-cv-href-thumbnail pt-cv-thumb-default\" target=\"_self\" ><\/a>\n<div class=\"pt-cv-taxoterm above_title\"><a href='https:\/\/www.dmsjuridica.com\/buscador_20179478954\/corteconstitucionalcronologico202454587\/category\/buscar-en-toda-la-corte\/2005\/tutelas-2005\/' title='Tutelas 2005' class='pt-cv-tax-tutelas-2005'>Tutelas 2005<\/a><\/div>\n<h4 class=\"pt-cv-title\"><a href=\"https:\/\/www.dmsjuridica.com\/buscador_20179478954\/corteconstitucionalcronologico202454587\/t-1105-05\/\" class=\"_self\" target=\"_self\" >T-1105-05<\/a><\/h4>\n<div class=\"pt-cv-content\">\u00a0 \u00a0 Sentencia T-1105\/05 \u00a0 ACCION DE TUTELA-Hecho superado por pr\u00e1ctica de cirug\u00eda \u00a0 DERECHO AL DIAGNOSTICO \u00a0 PRINCIPIO DE CONTINUIDAD EN EL SERVICIO DE SALUD \u00a0 ADMINISTRACION DE BASES DE DATOS POR PARTE DE ENTIDAD PRESTADORA DE SALUD \u00a0 Las empresas que prestan servicios de salud tienen el deber de custodiar, conservar y actualizar las bases de datos de los ciudadanos que se encuentran afiliados al sistema. Esto por cuanto la prestaci\u00f3n efectiva del servicio de salud depende de los datos que estas entidades administran. De particular relevancia para el caso concreto resulta el deber de las entidades promotoras ...<br \/><div class=\"pt-cv-rmwrap\"><a href=\"https:\/\/www.dmsjuridica.com\/buscador_20179478954\/corteconstitucionalcronologico202454587\/t-1105-05\/\" class=\"_self pt-cv-readmore btn btn-success\" target=\"_self\">Ver Sentencia Completa...<\/a><\/div><\/div><\/div><\/div>\n<div class=\"col-md-12 col-sm-12 col-xs-12 pt-cv-content-item pt-cv-1-col\" ><div class='pt-cv-ifield'><a href=\"https:\/\/www.dmsjuridica.com\/buscador_20179478954\/corteconstitucionalcronologico202454587\/t-1104-05\/\" class=\"_self pt-cv-href-thumbnail pt-cv-thumb-default\" target=\"_self\" ><\/a>\n<div class=\"pt-cv-taxoterm above_title\"><a href='https:\/\/www.dmsjuridica.com\/buscador_20179478954\/corteconstitucionalcronologico202454587\/category\/buscar-en-toda-la-corte\/2005\/tutelas-2005\/' title='Tutelas 2005' class='pt-cv-tax-tutelas-2005'>Tutelas 2005<\/a><\/div>\n<h4 class=\"pt-cv-title\"><a href=\"https:\/\/www.dmsjuridica.com\/buscador_20179478954\/corteconstitucionalcronologico202454587\/t-1104-05\/\" class=\"_self\" target=\"_self\" >T-1104-05<\/a><\/h4>\n<div class=\"pt-cv-content\">\u00a0 \u00a0 Sentencia T-1104\/05 \u00a0 SERVICIOS PUBLICOS-Suministro de agua para satisfacci\u00f3n de necesidades b\u00e1sicas \u00a0 El suministro de agua que reclaman los accionantes, es un servicio p\u00fablico, a trav\u00e9s de los cuales el Estado busca la satisfacci\u00f3n de las necesidades de toda la colectividad, constituy\u00e9ndose en uno de los medios que hacen posible el cumplimiento de sus fines, como son: servir a la comunidad, promover la prosperidad general y garantizar la efectividad de los principios y deberes consagrados en la Constituci\u00f3n Pol\u00edtica, as\u00ed como la de asegurar la convivencia pac\u00edfica y la vigencia de un orden justo. Es decir, se ...<br \/><div class=\"pt-cv-rmwrap\"><a href=\"https:\/\/www.dmsjuridica.com\/buscador_20179478954\/corteconstitucionalcronologico202454587\/t-1104-05\/\" class=\"_self pt-cv-readmore btn btn-success\" target=\"_self\">Ver Sentencia Completa...<\/a><\/div><\/div><\/div><\/div>\n<div class=\"col-md-12 col-sm-12 col-xs-12 pt-cv-content-item pt-cv-1-col\" ><div class='pt-cv-ifield'><a href=\"https:\/\/www.dmsjuridica.com\/buscador_20179478954\/corteconstitucionalcronologico202454587\/t-1103-05\/\" class=\"_self pt-cv-href-thumbnail pt-cv-thumb-default\" target=\"_self\" ><\/a>\n<div class=\"pt-cv-taxoterm above_title\"><a href='https:\/\/www.dmsjuridica.com\/buscador_20179478954\/corteconstitucionalcronologico202454587\/category\/buscar-en-toda-la-corte\/2005\/tutelas-2005\/' title='Tutelas 2005' class='pt-cv-tax-tutelas-2005'>Tutelas 2005<\/a><\/div>\n<h4 class=\"pt-cv-title\"><a href=\"https:\/\/www.dmsjuridica.com\/buscador_20179478954\/corteconstitucionalcronologico202454587\/t-1103-05\/\" class=\"_self\" target=\"_self\" >T-1103-05<\/a><\/h4>\n<div class=\"pt-cv-content\">\u00a0 \u00a0 Sentencia T-1103\/05 \u00a0 TEMERIDAD O MALA FE-Duplicidad en el ejercicio de la acci\u00f3n de amparo constitucional entre las mismas partes, los mismos hechos y el mismo objeto \u00a0 TEMERIDAD O MALA FE-Actitud contraria al principio de buena fe constitucional. \u00a0 JUEZ DE TUTELA-Requisitos para que pueda rechazar o decidir desfavorablemente la tutela por actuaci\u00f3n temeraria. \u00a0 Para deducir que una misma demanda de tutela se ha interpuesto varias veces, con infracci\u00f3n de la prohibici\u00f3n prevista en el art\u00edculo 38 del Decreto 2591 de 1991, es indispensable acreditar: (i) La identidad de partes, es decir, que las acciones de ...<br \/><div class=\"pt-cv-rmwrap\"><a href=\"https:\/\/www.dmsjuridica.com\/buscador_20179478954\/corteconstitucionalcronologico202454587\/t-1103-05\/\" class=\"_self pt-cv-readmore btn btn-success\" target=\"_self\">Ver Sentencia Completa...<\/a><\/div><\/div><\/div><\/div>\n<div class=\"col-md-12 col-sm-12 col-xs-12 pt-cv-content-item pt-cv-1-col\" ><div class='pt-cv-ifield'><a href=\"https:\/\/www.dmsjuridica.com\/buscador_20179478954\/corteconstitucionalcronologico202454587\/t-1102-05\/\" class=\"_self pt-cv-href-thumbnail pt-cv-thumb-default\" target=\"_self\" ><\/a>\n<div class=\"pt-cv-taxoterm above_title\"><a href='https:\/\/www.dmsjuridica.com\/buscador_20179478954\/corteconstitucionalcronologico202454587\/category\/buscar-en-toda-la-corte\/2005\/tutelas-2005\/' title='Tutelas 2005' class='pt-cv-tax-tutelas-2005'>Tutelas 2005<\/a><\/div>\n<h4 class=\"pt-cv-title\"><a href=\"https:\/\/www.dmsjuridica.com\/buscador_20179478954\/corteconstitucionalcronologico202454587\/t-1102-05\/\" class=\"_self\" target=\"_self\" >T-1102-05<\/a><\/h4>\n<div class=\"pt-cv-content\">\u00a0 \u00a0 Sentencia T-1102\/05 \u00a0 ACCION DE TUTELA-Improcedencia para controvertir sanci\u00f3n disciplinaria. \u00a0 ACCION DE TUTELA-Car\u00e1cter subsidiario y residual por existencia de otros medio de defensa judicial \u00a0 ACCION DE TUTELA-Improcedencia cuando no se verifica perjuicio irremediable \u00a0 VIA DE HECHO ADMINISTRATIVA POR DEFECTO FACTICO-Destituci\u00f3n de Alcalde por nombramiento de persona que no reun\u00eda las calidades para llenar sus vacancias temporales \u00a0 POTESTAD SANCIONADORA DEL ESTADO-Formas a trav\u00e9s de las cuales se materializa el poder punitivo del Estado \u00a0 POTESTAD SANCIONADORA DEL ESTADO-Elementos a trav\u00e9s de los cuales el Estado ejerce control sobre sus coasociados. \u00a0 DERECHO DISCIPLINARIO Y DERECHO ...<br \/><div class=\"pt-cv-rmwrap\"><a href=\"https:\/\/www.dmsjuridica.com\/buscador_20179478954\/corteconstitucionalcronologico202454587\/t-1102-05\/\" class=\"_self pt-cv-readmore btn btn-success\" target=\"_self\">Ver Sentencia Completa...<\/a><\/div><\/div><\/div><\/div>\n<div class=\"col-md-12 col-sm-12 col-xs-12 pt-cv-content-item pt-cv-1-col\" ><div class='pt-cv-ifield'><a href=\"https:\/\/www.dmsjuridica.com\/buscador_20179478954\/corteconstitucionalcronologico202454587\/t-1101-05\/\" class=\"_self pt-cv-href-thumbnail pt-cv-thumb-default\" target=\"_self\" ><\/a>\n<div class=\"pt-cv-taxoterm above_title\"><a href='https:\/\/www.dmsjuridica.com\/buscador_20179478954\/corteconstitucionalcronologico202454587\/category\/buscar-en-toda-la-corte\/2005\/tutelas-2005\/' title='Tutelas 2005' class='pt-cv-tax-tutelas-2005'>Tutelas 2005<\/a><\/div>\n<h4 class=\"pt-cv-title\"><a href=\"https:\/\/www.dmsjuridica.com\/buscador_20179478954\/corteconstitucionalcronologico202454587\/t-1101-05\/\" class=\"_self\" target=\"_self\" >T-1101-05<\/a><\/h4>\n<div class=\"pt-cv-content\">\u00a0 \u00a0 Sentencia T-1101\/05 \u00a0 ACCION DE TUTELA CONTRA PROVIDENCIAS JUDICIALES-Requisitos generales y especiales de procedibilidad \u00a0 ACCION DE TUTELA CONTRA PROVIDENCIAS JUDICIALES POR INTERPRETACION JUDICIAL-Procedencia excepcional \u00a0 La Corte ha sostenido que no toda discrepancia interpretativa implica, prima facie, la ocurrencia de una v\u00eda de hecho. Las posibles diferencias de interpretaci\u00f3n, sustentadas en un principio de raz\u00f3n suficiente, no pueden ser calificadas entonces como tales, pues, la eventual disparidad de criterios sobre un mismo asunto no implica un desconocimiento per se de la juridicidad. De ah\u00ed que sea insuficiente acusar una decisi\u00f3n judicial con el simple criterio de que ...<br \/><div class=\"pt-cv-rmwrap\"><a href=\"https:\/\/www.dmsjuridica.com\/buscador_20179478954\/corteconstitucionalcronologico202454587\/t-1101-05\/\" class=\"_self pt-cv-readmore btn btn-success\" target=\"_self\">Ver Sentencia Completa...<\/a><\/div><\/div><\/div><\/div>\n<div class=\"col-md-12 col-sm-12 col-xs-12 pt-cv-content-item pt-cv-1-col\" ><div class='pt-cv-ifield'><a href=\"https:\/\/www.dmsjuridica.com\/buscador_20179478954\/corteconstitucionalcronologico202454587\/t-1100-05\/\" class=\"_self pt-cv-href-thumbnail pt-cv-thumb-default\" target=\"_self\" ><\/a>\n<div class=\"pt-cv-taxoterm above_title\"><a href='https:\/\/www.dmsjuridica.com\/buscador_20179478954\/corteconstitucionalcronologico202454587\/category\/buscar-en-toda-la-corte\/2005\/tutelas-2005\/' title='Tutelas 2005' class='pt-cv-tax-tutelas-2005'>Tutelas 2005<\/a><\/div>\n<h4 class=\"pt-cv-title\"><a href=\"https:\/\/www.dmsjuridica.com\/buscador_20179478954\/corteconstitucionalcronologico202454587\/t-1100-05\/\" class=\"_self\" target=\"_self\" >T-1100-05<\/a><\/h4>\n<div class=\"pt-cv-content\">\u00a0 \u00a0 Sentencia T-1100\/05 \u00a0 ACCION DE TUTELA CONTRA PROVIDENCIAS JUDICIALES-Procedencia excepcional\u00a0 \u00a0 PODER-La renuncia no es suficiente para que el apoderado judicial quede eximido de responsabilidad \u00a0 Referencia: expediente T-1150508. \u00a0 Accionante: Fabrica de Ladrillos Casas B Hermanos LTDA. \u00a0 Accionado: Juzgado Laboral del Circuito de Girardot. \u00a0 Magistrado Ponente: \u00a0 Dr. RODRIGO ESCOBAR GIL. \u00a0 Bogot\u00e1 D. C., veintisiete (27) de octubre de dos mil cinco (2005). \u00a0 La Sala Quinta de Revisi\u00f3n de la Corte Constitucional, integrada por los Magistrados Rodrigo Escobar Gil, Marco Gerardo Monroy Cabra y Humberto Antonio Sierra Porto, en ejercicio de sus competencias ...<br \/><div class=\"pt-cv-rmwrap\"><a href=\"https:\/\/www.dmsjuridica.com\/buscador_20179478954\/corteconstitucionalcronologico202454587\/t-1100-05\/\" class=\"_self pt-cv-readmore btn btn-success\" target=\"_self\">Ver Sentencia Completa...<\/a><\/div><\/div><\/div><\/div>\n<div class=\"col-md-12 col-sm-12 col-xs-12 pt-cv-content-item pt-cv-1-col\" ><div class='pt-cv-ifield'><a href=\"https:\/\/www.dmsjuridica.com\/buscador_20179478954\/corteconstitucionalcronologico202454587\/t-110-05\/\" class=\"_self pt-cv-href-thumbnail pt-cv-thumb-default\" target=\"_self\" ><\/a>\n<div class=\"pt-cv-taxoterm above_title\"><a href='https:\/\/www.dmsjuridica.com\/buscador_20179478954\/corteconstitucionalcronologico202454587\/category\/buscar-en-toda-la-corte\/2005\/tutelas-2005\/' title='Tutelas 2005' class='pt-cv-tax-tutelas-2005'>Tutelas 2005<\/a><\/div>\n<h4 class=\"pt-cv-title\"><a href=\"https:\/\/www.dmsjuridica.com\/buscador_20179478954\/corteconstitucionalcronologico202454587\/t-110-05\/\" class=\"_self\" target=\"_self\" >T-110-05<\/a><\/h4>\n<div class=\"pt-cv-content\">\u00a0 \u00a0 Sentencia T-110\/05\u00a0 \u00a0 REGIMEN DE TRANSICION EN MATERIA PENSIONAL-Situaci\u00f3n de los exparlamentarios \u00a0 PENSION DE JUBILACION DE EXCONGRESISTA-Reajuste especial \u00a0 ACCION DE TUTELA-Requisitos de procedencia excepcional de reliquidaci\u00f3n de pensiones \u00a0 Para que la acci\u00f3n de tutela sea procedente en casos como los que aqu\u00ed se debaten es menester que (i) el interesado haya agotado los recursos en sede administrativa ante la entidad responsable del suministro de la prestaci\u00f3n y \u00e9sta se mantenga en su posici\u00f3n de negar la petici\u00f3n; (ii) Se haya hecho uso de los mecanismos judiciales ordinarios para la satisfacci\u00f3n de la pretensi\u00f3n o el ...<br \/><div class=\"pt-cv-rmwrap\"><a href=\"https:\/\/www.dmsjuridica.com\/buscador_20179478954\/corteconstitucionalcronologico202454587\/t-110-05\/\" class=\"_self pt-cv-readmore btn btn-success\" target=\"_self\">Ver Sentencia Completa...<\/a><\/div><\/div><\/div><\/div>\n<div class=\"col-md-12 col-sm-12 col-xs-12 pt-cv-content-item pt-cv-1-col\" ><div class='pt-cv-ifield'><a href=\"https:\/\/www.dmsjuridica.com\/buscador_20179478954\/corteconstitucionalcronologico202454587\/t-1099-05\/\" class=\"_self pt-cv-href-thumbnail pt-cv-thumb-default\" target=\"_self\" ><\/a>\n<div class=\"pt-cv-taxoterm above_title\"><a href='https:\/\/www.dmsjuridica.com\/buscador_20179478954\/corteconstitucionalcronologico202454587\/category\/buscar-en-toda-la-corte\/2005\/tutelas-2005\/' title='Tutelas 2005' class='pt-cv-tax-tutelas-2005'>Tutelas 2005<\/a><\/div>\n<h4 class=\"pt-cv-title\"><a href=\"https:\/\/www.dmsjuridica.com\/buscador_20179478954\/corteconstitucionalcronologico202454587\/t-1099-05\/\" class=\"_self\" target=\"_self\" >T-1099-05<\/a><\/h4>\n<div class=\"pt-cv-content\">\u00a0 \u00a0 Sentencia T-1099\/05 \u00a0 DERECHO DE PETICION EN MATERIA PENSIONAL \u00a0 DEBIDO PROCESO ADMINISTRATIVO-Resoluci\u00f3n oportuna de recursos \u00a0 Reiteraci\u00f3n de jurisprudencia \u00a0 Referencia: expediente T-1146973 \u00a0 Peticionario: Edison de Jes\u00fas Mart\u00ednez Ram\u00edrez \u00a0 Entidad Accionada: Caja Nacional de Previsi\u00f3n Social \u00a0CAJANAL \u00a0 \u00a0 Magistrado Ponente: \u00a0 Dr. RODRIGO ESCOBAR GIL \u00a0 Bogot\u00e1, D. C., veintisiete (27) de octubre de dos mil cinco (2005). \u00a0 La Sala Quinta de Revisi\u00f3n de la Corte Constitucional, integrada por los Magistrados Rodrigo Escobar Gil - Presidente -, Marco Gerardo Monroy Cabra y Humberto Antonio Sierra Porto, en ejercicio de sus competencias constitucionales y ...<br \/><div class=\"pt-cv-rmwrap\"><a href=\"https:\/\/www.dmsjuridica.com\/buscador_20179478954\/corteconstitucionalcronologico202454587\/t-1099-05\/\" class=\"_self pt-cv-readmore btn btn-success\" target=\"_self\">Ver Sentencia Completa...<\/a><\/div><\/div><\/div><\/div>\n<div class=\"col-md-12 col-sm-12 col-xs-12 pt-cv-content-item pt-cv-1-col\" ><div class='pt-cv-ifield'><a href=\"https:\/\/www.dmsjuridica.com\/buscador_20179478954\/corteconstitucionalcronologico202454587\/t-1098-05\/\" class=\"_self pt-cv-href-thumbnail pt-cv-thumb-default\" target=\"_self\" ><\/a>\n<div class=\"pt-cv-taxoterm above_title\"><a href='https:\/\/www.dmsjuridica.com\/buscador_20179478954\/corteconstitucionalcronologico202454587\/category\/buscar-en-toda-la-corte\/2005\/tutelas-2005\/' title='Tutelas 2005' class='pt-cv-tax-tutelas-2005'>Tutelas 2005<\/a><\/div>\n<h4 class=\"pt-cv-title\"><a href=\"https:\/\/www.dmsjuridica.com\/buscador_20179478954\/corteconstitucionalcronologico202454587\/t-1098-05\/\" class=\"_self\" target=\"_self\" >T-1098-05<\/a><\/h4>\n<div class=\"pt-cv-content\">\u00a0 \u00a0 Sentencia T-1098\/05 \u00a0 ACCION DE TUTELA CONTRA PROVIDENCIAS JUDICIALES-Procedencia excepcional cuando se configura alguna de las causales gen\u00e9ricas que vulneran el debido proceso. \u00a0 CONTESTACION DE LA DEMANDA-Correcci\u00f3n cuando no se cumplen los requisitos formales exigidos por la Ley. \u00a0 El art\u00edculo 18 de la Ley 712 de 2001, le impone al juez laboral la obligaci\u00f3n de permitir la correcci\u00f3n de la contestaci\u00f3n de la demanda en un t\u00e9rmino de cinco (5) d\u00edas, cuando se incumplen sus requisitos formales o se dejan de acompa\u00f1ar los anexos exigidos en la ley, como lo es el correspondiente al poder para ...<br \/><div class=\"pt-cv-rmwrap\"><a href=\"https:\/\/www.dmsjuridica.com\/buscador_20179478954\/corteconstitucionalcronologico202454587\/t-1098-05\/\" class=\"_self pt-cv-readmore btn btn-success\" target=\"_self\">Ver Sentencia Completa...<\/a><\/div><\/div><\/div><\/div>\n<div class=\"col-md-12 col-sm-12 col-xs-12 pt-cv-content-item pt-cv-1-col\" ><div class='pt-cv-ifield'><a href=\"https:\/\/www.dmsjuridica.com\/buscador_20179478954\/corteconstitucionalcronologico202454587\/t-1097-05\/\" class=\"_self pt-cv-href-thumbnail pt-cv-thumb-default\" target=\"_self\" ><\/a>\n<div class=\"pt-cv-taxoterm above_title\"><a href='https:\/\/www.dmsjuridica.com\/buscador_20179478954\/corteconstitucionalcronologico202454587\/category\/buscar-en-toda-la-corte\/2005\/tutelas-2005\/' title='Tutelas 2005' class='pt-cv-tax-tutelas-2005'>Tutelas 2005<\/a><\/div>\n<h4 class=\"pt-cv-title\"><a href=\"https:\/\/www.dmsjuridica.com\/buscador_20179478954\/corteconstitucionalcronologico202454587\/t-1097-05\/\" class=\"_self\" target=\"_self\" >T-1097-05<\/a><\/h4>\n<div class=\"pt-cv-content\">\u00a0 \u00a0 Sentencia T-1097\/05 \u00a0 ACCION DE TUTELA CONTRA PROVIDENCIAS JUDICIALES -Procedencia excepcional \u00a0 DEBIDO PROCESO-Sentido y alcance \u00a0 DEBIDO PROCESO-Qu\u00e9 debe entenderse por \"Formas propias de cada juicio\" \u00a0 El debido proceso exige de las autoridades p\u00fablicas la sujeci\u00f3n de sus actuaciones a los procedimientos previamente establecidos, ajenos a su propio arbitrio y destinados a preservar las garant\u00edas sustanciales y procedimentales previstas en la Constituci\u00f3n y en la ley. Esta previa definici\u00f3n legal de los procedimientos que constituyen el debido proceso, como manifestaci\u00f3n del principio constitucional de legalidad, se denomina \u201cformas propias de cada juicio\u201d, y se constituye, por ...<br \/><div class=\"pt-cv-rmwrap\"><a href=\"https:\/\/www.dmsjuridica.com\/buscador_20179478954\/corteconstitucionalcronologico202454587\/t-1097-05\/\" class=\"_self pt-cv-readmore btn btn-success\" target=\"_self\">Ver Sentencia Completa...<\/a><\/div><\/div><\/div><\/div>\n<div class=\"col-md-12 col-sm-12 col-xs-12 pt-cv-content-item pt-cv-1-col\" ><div class='pt-cv-ifield'><a href=\"https:\/\/www.dmsjuridica.com\/buscador_20179478954\/corteconstitucionalcronologico202454587\/t-1096-05\/\" class=\"_self pt-cv-href-thumbnail pt-cv-thumb-default\" target=\"_self\" ><\/a>\n<div class=\"pt-cv-taxoterm above_title\"><a href='https:\/\/www.dmsjuridica.com\/buscador_20179478954\/corteconstitucionalcronologico202454587\/category\/buscar-en-toda-la-corte\/2005\/tutelas-2005\/' title='Tutelas 2005' class='pt-cv-tax-tutelas-2005'>Tutelas 2005<\/a><\/div>\n<h4 class=\"pt-cv-title\"><a href=\"https:\/\/www.dmsjuridica.com\/buscador_20179478954\/corteconstitucionalcronologico202454587\/t-1096-05\/\" class=\"_self\" target=\"_self\" >T-1096-05<\/a><\/h4>\n<div class=\"pt-cv-content\">\u00a0 \u00a0 Sentencia T-1096\/05 \u00a0 LEGITIMACION POR ACTIVA EN TUTELA-Abuela en representaci\u00f3n de nieto \u00a0 La Corte Constitucional se ha pronunciado en el sentido de que cualquier persona est\u00e1 legitimada para interponer acci\u00f3n de tutela en nombre de un menor, siempre y cuando en el escrito o petici\u00f3n verbal conste la inminencia de la violaci\u00f3n a los derechos fundamentales del ni\u00f1o, o la ausencia de representante legal. La agencia oficiosa trat\u00e1ndose de la defensa de los derechos de los ni\u00f1os tiene un fundamento constitucional expreso, cuando se autoriza a cualquier persona para exigir de la autoridad competente la protecci\u00f3n o ...<br \/><div class=\"pt-cv-rmwrap\"><a href=\"https:\/\/www.dmsjuridica.com\/buscador_20179478954\/corteconstitucionalcronologico202454587\/t-1096-05\/\" class=\"_self pt-cv-readmore btn btn-success\" target=\"_self\">Ver Sentencia Completa...<\/a><\/div><\/div><\/div><\/div>\n<div class=\"col-md-12 col-sm-12 col-xs-12 pt-cv-content-item pt-cv-1-col\" ><div class='pt-cv-ifield'><a href=\"https:\/\/www.dmsjuridica.com\/buscador_20179478954\/corteconstitucionalcronologico202454587\/t-1095-05\/\" class=\"_self pt-cv-href-thumbnail pt-cv-thumb-default\" target=\"_self\" ><\/a>\n<div class=\"pt-cv-taxoterm above_title\"><a href='https:\/\/www.dmsjuridica.com\/buscador_20179478954\/corteconstitucionalcronologico202454587\/category\/buscar-en-toda-la-corte\/2005\/tutelas-2005\/' title='Tutelas 2005' class='pt-cv-tax-tutelas-2005'>Tutelas 2005<\/a><\/div>\n<h4 class=\"pt-cv-title\"><a href=\"https:\/\/www.dmsjuridica.com\/buscador_20179478954\/corteconstitucionalcronologico202454587\/t-1095-05\/\" class=\"_self\" target=\"_self\" >T-1095-05<\/a><\/h4>\n<div class=\"pt-cv-content\">DEBER DE SOLIDARIDAD-Se configura como un Derecho-deber \u00a0 El deber de solidaridad se configura como un derecho-deber cuya exigencia puede hacerse de manera directa en especial en los casos en que de su cumplimiento dependa el respeto de derechos fundamentales de las personas. \u00a0 SENTENCIA QUE DECLARA LA MUERTE PRESUNTA POR DESAPARECIMIENTO-Efectos \u00a0 Trat\u00e1ndose de la circunstancia especial en que una persona ha sido declarada muerta en aplicaci\u00f3n de la presunci\u00f3n por desaparecimiento, si bien con origen en el secuestro de que fue objeto, existe una decisi\u00f3n judicial ejecutoriada en la que se ha definido claramente por el juez, y ...<br \/><div class=\"pt-cv-rmwrap\"><a href=\"https:\/\/www.dmsjuridica.com\/buscador_20179478954\/corteconstitucionalcronologico202454587\/t-1095-05\/\" class=\"_self pt-cv-readmore btn btn-success\" target=\"_self\">Ver Sentencia Completa...<\/a><\/div><\/div><\/div><\/div>\n<div class=\"col-md-12 col-sm-12 col-xs-12 pt-cv-content-item pt-cv-1-col\" ><div class='pt-cv-ifield'><a href=\"https:\/\/www.dmsjuridica.com\/buscador_20179478954\/corteconstitucionalcronologico202454587\/t-1094-05\/\" class=\"_self pt-cv-href-thumbnail pt-cv-thumb-default\" target=\"_self\" ><\/a>\n<div class=\"pt-cv-taxoterm above_title\"><a href='https:\/\/www.dmsjuridica.com\/buscador_20179478954\/corteconstitucionalcronologico202454587\/category\/buscar-en-toda-la-corte\/2005\/tutelas-2005\/' title='Tutelas 2005' class='pt-cv-tax-tutelas-2005'>Tutelas 2005<\/a><\/div>\n<h4 class=\"pt-cv-title\"><a href=\"https:\/\/www.dmsjuridica.com\/buscador_20179478954\/corteconstitucionalcronologico202454587\/t-1094-05\/\" class=\"_self\" target=\"_self\" >T-1094-05<\/a><\/h4>\n<div class=\"pt-cv-content\">\u00a0 \u00a0 Sentencia T-1094\/05 \u00a0 SERVICIO PUBLICO DE TRANSPORTE-Car\u00e1cter esencial\u00a0 \u00a0 SERVICIO PUBLICO DE TRANSPORTE DE PASAJEROS-Reglamentaci\u00f3n de condiciones corresponde a las entidades territoriales \u00a0 SERVICIO PUBLICO DE TRANSPORTE DE PASAJEROS-Control y regulaci\u00f3n por el Estado\u00a0 \u00a0 PRINCIPIO DE LA CONFIANZA LEGITIMA-Noci\u00f3n\u00a0 \u00a0 PRINCIPIO DE LA CONFIANZA LEGITIMA-Supuestos sobre los cuales se encuentra cimentada \u00a0 Esta Corporaci\u00f3n ha precisado que la confianza leg\u00edtima est\u00e1 cimentada en los siguientes supuestos: (1) necesidad de preservar el inter\u00e9s p\u00fablico, (2) desestabilizaci\u00f3n cierta en la relaci\u00f3n administraci\u00f3n-administrados, y (3) la necesidad de adoptar medidas por un periodo transitorio que adec\u00faen la actual situaci\u00f3n a ...<br \/><div class=\"pt-cv-rmwrap\"><a href=\"https:\/\/www.dmsjuridica.com\/buscador_20179478954\/corteconstitucionalcronologico202454587\/t-1094-05\/\" class=\"_self pt-cv-readmore btn btn-success\" target=\"_self\">Ver Sentencia Completa...<\/a><\/div><\/div><\/div><\/div>\n<div class=\"col-md-12 col-sm-12 col-xs-12 pt-cv-content-item pt-cv-1-col\" ><div class='pt-cv-ifield'><a href=\"https:\/\/www.dmsjuridica.com\/buscador_20179478954\/corteconstitucionalcronologico202454587\/t-1093-05\/\" class=\"_self pt-cv-href-thumbnail pt-cv-thumb-default\" target=\"_self\" ><\/a>\n<div class=\"pt-cv-taxoterm above_title\"><a href='https:\/\/www.dmsjuridica.com\/buscador_20179478954\/corteconstitucionalcronologico202454587\/category\/buscar-en-toda-la-corte\/2005\/tutelas-2005\/' title='Tutelas 2005' class='pt-cv-tax-tutelas-2005'>Tutelas 2005<\/a><\/div>\n<h4 class=\"pt-cv-title\"><a href=\"https:\/\/www.dmsjuridica.com\/buscador_20179478954\/corteconstitucionalcronologico202454587\/t-1093-05\/\" class=\"_self\" target=\"_self\" >T-1093-05<\/a><\/h4>\n<div class=\"pt-cv-content\">\u00a0 \u00a0 Sentencia T-1093\/05 \u00a0 VIA DE HECHO ADMINISTRATIVA EN LAS ACTUACIONES DE LAS AUTORIDADES PENITENCIARIAS-No pod\u00eda revocar permiso de 72 horas ya concedido por juez \u00a0 TRATAMIENTO PENITENCIARIO Y CONCESION DE BENEFICIOS ADMINISTRATIVOS \u00a0 JUEZ DE EJECUCION DE PENAS Y MEDIDAS DE SEGURIDAD-Garante de la legalidad en la ejecuci\u00f3n de la sanci\u00f3n penal \u00a0 BENEFICIO ADMINISTRATIVO A INTERNO-No pod\u00eda ser revocado por Directora de C\u00e1rcel \u00a0 Si bien a juicio del ente demandado, al momento de estudiar y aprobar la solicitud del beneficio de las 72 horas, el Consejo de Evaluaci\u00f3n y Tratamiento de establecimiento carcelario por error involuntario ...<br \/><div class=\"pt-cv-rmwrap\"><a href=\"https:\/\/www.dmsjuridica.com\/buscador_20179478954\/corteconstitucionalcronologico202454587\/t-1093-05\/\" class=\"_self pt-cv-readmore btn btn-success\" target=\"_self\">Ver Sentencia Completa...<\/a><\/div><\/div><\/div><\/div>\n<div class=\"col-md-12 col-sm-12 col-xs-12 pt-cv-content-item pt-cv-1-col\" ><div class='pt-cv-ifield'><a href=\"https:\/\/www.dmsjuridica.com\/buscador_20179478954\/corteconstitucionalcronologico202454587\/t-1092-05\/\" class=\"_self pt-cv-href-thumbnail pt-cv-thumb-default\" target=\"_self\" ><\/a>\n<div class=\"pt-cv-taxoterm above_title\"><a href='https:\/\/www.dmsjuridica.com\/buscador_20179478954\/corteconstitucionalcronologico202454587\/category\/buscar-en-toda-la-corte\/2005\/tutelas-2005\/' title='Tutelas 2005' class='pt-cv-tax-tutelas-2005'>Tutelas 2005<\/a><\/div>\n<h4 class=\"pt-cv-title\"><a href=\"https:\/\/www.dmsjuridica.com\/buscador_20179478954\/corteconstitucionalcronologico202454587\/t-1092-05\/\" class=\"_self\" target=\"_self\" >T-1092-05<\/a><\/h4>\n<div class=\"pt-cv-content\">\u00a0 \u00a0 Sentencia T-1092\/05 \u00a0 PRINCIPIO DE LA BUENA FE-Alcance\/ACTO PROPIO-Respeto \u00a0 FONDO NACIONAL DEL AHORRO-Deber de informar a usuarios la redenominaci\u00f3n de cr\u00e9ditos hipotecarios \u00a0 FONDO NACIONAL DEL AHORRO-Modificaci\u00f3n unilateral de lo inicialmente pactado en el cr\u00e9dito \u00a0 FONDO NACIONAL DEL AHORRO-Vulneraci\u00f3n de derechos al modificar el cr\u00e9dito de pesos a UVR \u00a0 Reiteraci\u00f3n de Jurisprudencia \u00a0 Referencia: expediente T-1143458 \u00a0 Acci\u00f3n de tutela instaurada por Wilson Julio Cuero G\u00f3ngora contra Fondo Nacional de Ahorro. \u00a0 Magistrada Ponente: \u00a0 Dra. CLARA IN\u00c9S VARGAS HERN\u00c1NDEZ \u00a0 Bogot\u00e1, D. C., veintis\u00e9is (26) de octubre de dos mil cinco (2005). \u00a0 La ...<br \/><div class=\"pt-cv-rmwrap\"><a href=\"https:\/\/www.dmsjuridica.com\/buscador_20179478954\/corteconstitucionalcronologico202454587\/t-1092-05\/\" class=\"_self pt-cv-readmore btn btn-success\" target=\"_self\">Ver Sentencia Completa...<\/a><\/div><\/div><\/div><\/div>\n<div class=\"col-md-12 col-sm-12 col-xs-12 pt-cv-content-item pt-cv-1-col\" ><div class='pt-cv-ifield'><a href=\"https:\/\/www.dmsjuridica.com\/buscador_20179478954\/corteconstitucionalcronologico202454587\/t-1091-05\/\" class=\"_self pt-cv-href-thumbnail pt-cv-thumb-default\" target=\"_self\" ><\/a>\n<div class=\"pt-cv-taxoterm above_title\"><a href='https:\/\/www.dmsjuridica.com\/buscador_20179478954\/corteconstitucionalcronologico202454587\/category\/buscar-en-toda-la-corte\/2005\/tutelas-2005\/' title='Tutelas 2005' class='pt-cv-tax-tutelas-2005'>Tutelas 2005<\/a><\/div>\n<h4 class=\"pt-cv-title\"><a href=\"https:\/\/www.dmsjuridica.com\/buscador_20179478954\/corteconstitucionalcronologico202454587\/t-1091-05\/\" class=\"_self\" target=\"_self\" >T-1091-05<\/a><\/h4>\n<div class=\"pt-cv-content\">\u00a0 \u00a0 Sentencia T-1091\/05\u00a0 \u00a0 ACCION DE TUTELA CONTRA PARTICULARES-Condiciones de subordinaci\u00f3n o indefensi\u00f3n. \u00a0 ACCION DE TUTELA CONTRA PARTICULARES-Abuso de la posici\u00f3n dominante vulnera derechos fundamentales de los usuarios. \u00a0 ACTIVIDAD FINANCIERA-Naturaleza\u00a0 \u00a0 ACCION DE TUTELA TRANSITORIA-Procedencia cuando se vulneran derechos fundamentales de personas en circunstancias de debilidad manifiesta involucradas en una \u00a0relaci\u00f3n contractual\u00a0 \u00a0 ACCION DE TUTELA TRANSITORIA-Procedencia excepcional por existir perjuicio irremediable \u00a0 Las controversias derivadas de la contrataci\u00f3n privada son de conocimiento de la jurisdicci\u00f3n ordinaria, y por lo tanto, para la protecci\u00f3n de los derechos que se vulneren con ocasi\u00f3n de este tipo de relaciones, ...<br \/><div class=\"pt-cv-rmwrap\"><a href=\"https:\/\/www.dmsjuridica.com\/buscador_20179478954\/corteconstitucionalcronologico202454587\/t-1091-05\/\" class=\"_self pt-cv-readmore btn btn-success\" target=\"_self\">Ver Sentencia Completa...<\/a><\/div><\/div><\/div><\/div>\n<div class=\"col-md-12 col-sm-12 col-xs-12 pt-cv-content-item pt-cv-1-col\" ><div class='pt-cv-ifield'><a href=\"https:\/\/www.dmsjuridica.com\/buscador_20179478954\/corteconstitucionalcronologico202454587\/t-1090-05\/\" class=\"_self pt-cv-href-thumbnail pt-cv-thumb-default\" target=\"_self\" ><\/a>\n<div class=\"pt-cv-taxoterm above_title\"><a href='https:\/\/www.dmsjuridica.com\/buscador_20179478954\/corteconstitucionalcronologico202454587\/category\/buscar-en-toda-la-corte\/2005\/tutelas-2005\/' title='Tutelas 2005' class='pt-cv-tax-tutelas-2005'>Tutelas 2005<\/a><\/div>\n<h4 class=\"pt-cv-title\"><a href=\"https:\/\/www.dmsjuridica.com\/buscador_20179478954\/corteconstitucionalcronologico202454587\/t-1090-05\/\" class=\"_self\" target=\"_self\" >T-1090-05<\/a><\/h4>\n<div class=\"pt-cv-content\">\u00a0 \u00a0 Sentencia T-1090\/05 \u00a0 TESTIGO SOSPECHOSO-Apreciaci\u00f3n de las pruebas seg\u00fan el principio de la sana critica y presunci\u00f3n de buena fe \u00a0 Conforme a la doctrina constitucional el juez no tiene facultad para abstenerse de valorar un testimonio que considere sospechoso. \u00a0En su lugar, debe efectuar una pr\u00e1ctica m\u00e1s rigurosa del mismo y una evaluaci\u00f3n detallada de cada una de las afirmaciones que lo compongan. \u00a0En conclusi\u00f3n el juez, como director del proceso, debe asumir la responsabilidad de valorar bajo par\u00e1metros objetivos todas las pruebas allegadas a la investigaci\u00f3n. \u00a0S\u00f3lo puede descartar aquellas respecto de las cuales compruebe su ...<br \/><div class=\"pt-cv-rmwrap\"><a href=\"https:\/\/www.dmsjuridica.com\/buscador_20179478954\/corteconstitucionalcronologico202454587\/t-1090-05\/\" class=\"_self pt-cv-readmore btn btn-success\" target=\"_self\">Ver Sentencia Completa...<\/a><\/div><\/div><\/div><\/div>\n<div class=\"col-md-12 col-sm-12 col-xs-12 pt-cv-content-item pt-cv-1-col\" ><div class='pt-cv-ifield'><a href=\"https:\/\/www.dmsjuridica.com\/buscador_20179478954\/corteconstitucionalcronologico202454587\/t-109-05\/\" class=\"_self pt-cv-href-thumbnail pt-cv-thumb-default\" target=\"_self\" ><\/a>\n<div class=\"pt-cv-taxoterm above_title\"><a href='https:\/\/www.dmsjuridica.com\/buscador_20179478954\/corteconstitucionalcronologico202454587\/category\/buscar-en-toda-la-corte\/2005\/tutelas-2005\/' title='Tutelas 2005' class='pt-cv-tax-tutelas-2005'>Tutelas 2005<\/a><\/div>\n<h4 class=\"pt-cv-title\"><a href=\"https:\/\/www.dmsjuridica.com\/buscador_20179478954\/corteconstitucionalcronologico202454587\/t-109-05\/\" class=\"_self\" target=\"_self\" >T-109-05<\/a><\/h4>\n<div class=\"pt-cv-content\">\u00a0 \u00a0 Sentencia T-109\/05 \u00a0 ACCION DE TUTELA CONTRA PROVIDENCIAS JUDICIALES-Procedencia excepcional \u00a0 VIA DE HECHO-Clases de defectos en la actuaci\u00f3n\/VIA DE HECHO-Defecto f\u00e1ctico en decisi\u00f3n judicial \u00a0 VIA DE HECHO POR DEFECTO FACTICO-Clases\u00a0 \u00a0 ACCION DE TUTELA-Mecanismo excepcional y subsidiario\/ACCION DE TUTELA-No suple oportunidad procesal para controvertir pruebas \u00a0 Referencia: expediente 968873 \u00a0 Peticionario: Samuel de Jes\u00fas L\u00f3pez Salazar \u00a0 Magistrado Ponente:\u00a0 \u00a0 Dr. MARCO GERARDO MONROY CABRA \u00a0 Bogot\u00e1 D.C \u00a0diez (10) de febrero de dos mil cinco (2005) \u00a0 La Sala Sexta de la Corte Constitucional, integrada por los Magistrados Humberto Sierra Porto, \u00c1lvaro Tafur Galvis y ...<br \/><div class=\"pt-cv-rmwrap\"><a href=\"https:\/\/www.dmsjuridica.com\/buscador_20179478954\/corteconstitucionalcronologico202454587\/t-109-05\/\" class=\"_self pt-cv-readmore btn btn-success\" target=\"_self\">Ver Sentencia Completa...<\/a><\/div><\/div><\/div><\/div>\n<div class=\"col-md-12 col-sm-12 col-xs-12 pt-cv-content-item pt-cv-1-col\" ><div class='pt-cv-ifield'><a href=\"https:\/\/www.dmsjuridica.com\/buscador_20179478954\/corteconstitucionalcronologico202454587\/t-1089-05\/\" class=\"_self pt-cv-href-thumbnail pt-cv-thumb-default\" target=\"_self\" ><\/a>\n<div class=\"pt-cv-taxoterm above_title\"><a href='https:\/\/www.dmsjuridica.com\/buscador_20179478954\/corteconstitucionalcronologico202454587\/category\/buscar-en-toda-la-corte\/2005\/tutelas-2005\/' title='Tutelas 2005' class='pt-cv-tax-tutelas-2005'>Tutelas 2005<\/a><\/div>\n<h4 class=\"pt-cv-title\"><a href=\"https:\/\/www.dmsjuridica.com\/buscador_20179478954\/corteconstitucionalcronologico202454587\/t-1089-05\/\" class=\"_self\" target=\"_self\" >T-1089-05<\/a><\/h4>\n<div class=\"pt-cv-content\">\u00a0 \u00a0 Sentencia T-1089\/05 \u00a0 ACCION DE TUTELA-Condiciones de procedibilidad para reliquidaci\u00f3n pensional \u00a0 ACCION DE TUTELA EN MATERIA PENSIONAL-Procedencia cuando se evidencia perjuicio irremediable \u00a0 DERECHO A LA IGUALDAD EN PENSION DE JUBILACION-Salario a tener en cuenta para reliquidaci\u00f3n pensional es el realmente devengado \u00a0 PRINCIPIO DE INMEDIATEZ-Criterio para determinar la procedencia de la acci\u00f3n de tutela. \u00a0 La acci\u00f3n de tutela debe ser interpuesta dentro de un t\u00e9rmino razonable, de suerte que de un lado se permita la protecci\u00f3n inmediata de los derechos fundamentales que se consideran vulnerados y, del otro, se evite el uso de este mecanismo ...<br \/><div class=\"pt-cv-rmwrap\"><a href=\"https:\/\/www.dmsjuridica.com\/buscador_20179478954\/corteconstitucionalcronologico202454587\/t-1089-05\/\" class=\"_self pt-cv-readmore btn btn-success\" target=\"_self\">Ver Sentencia Completa...<\/a><\/div><\/div><\/div><\/div>\n<div class=\"col-md-12 col-sm-12 col-xs-12 pt-cv-content-item pt-cv-1-col\" ><div class='pt-cv-ifield'><a href=\"https:\/\/www.dmsjuridica.com\/buscador_20179478954\/corteconstitucionalcronologico202454587\/t-1088-05\/\" class=\"_self pt-cv-href-thumbnail pt-cv-thumb-default\" target=\"_self\" ><\/a>\n<div class=\"pt-cv-taxoterm above_title\"><a href='https:\/\/www.dmsjuridica.com\/buscador_20179478954\/corteconstitucionalcronologico202454587\/category\/buscar-en-toda-la-corte\/2005\/tutelas-2005\/' title='Tutelas 2005' class='pt-cv-tax-tutelas-2005'>Tutelas 2005<\/a><\/div>\n<h4 class=\"pt-cv-title\"><a href=\"https:\/\/www.dmsjuridica.com\/buscador_20179478954\/corteconstitucionalcronologico202454587\/t-1088-05\/\" class=\"_self\" target=\"_self\" >T-1088-05<\/a><\/h4>\n<div class=\"pt-cv-content\">\u00a0 \u00a0 Sentencia T-1088\/05 \u00a0 ACCION DE TUTELA CONTRA ENTIDAD FINANCIERA-Improcedencia por existir otro medio judicial\u00a0 \u00a0 Referencia: expediente T 1147842 \u00a0 Acci\u00f3n de tutela instaurada por Adolfo Salazar Berm\u00fadez contra Banco Granahorrar S.A.\u00a0 \u00a0 Magistrado Ponente: \u00a0 Dr. ALVARO TAFUR GALVIS. \u00a0 \u00a0 Bogot\u00e1 D. C., veintisiete (27) de octubre de dos mil cinco ( 2005 ).\u00a0 \u00a0 La Sala Octava de Revisi\u00f3n de la Corte Constitucional, integrada por los Magistrados CLARA IN\u00c9S VARGAS HERN\u00c1NDEZ, JAIME ARAUJO RENTER\u00cdA y ALVARO TAFUR GALVIS, en ejercicio de sus competencias constitucionales y legales, profiere la siguiente \u00a0 SENTENCIA \u00a0 que pone fin ...<br \/><div class=\"pt-cv-rmwrap\"><a href=\"https:\/\/www.dmsjuridica.com\/buscador_20179478954\/corteconstitucionalcronologico202454587\/t-1088-05\/\" class=\"_self pt-cv-readmore btn btn-success\" target=\"_self\">Ver Sentencia Completa...<\/a><\/div><\/div><\/div><\/div>\n<div class=\"col-md-12 col-sm-12 col-xs-12 pt-cv-content-item pt-cv-1-col\" ><div class='pt-cv-ifield'><a href=\"https:\/\/www.dmsjuridica.com\/buscador_20179478954\/corteconstitucionalcronologico202454587\/t-1087-05\/\" class=\"_self pt-cv-href-thumbnail pt-cv-thumb-default\" target=\"_self\" ><\/a>\n<div class=\"pt-cv-taxoterm above_title\"><a href='https:\/\/www.dmsjuridica.com\/buscador_20179478954\/corteconstitucionalcronologico202454587\/category\/buscar-en-toda-la-corte\/2005\/tutelas-2005\/' title='Tutelas 2005' class='pt-cv-tax-tutelas-2005'>Tutelas 2005<\/a><\/div>\n<h4 class=\"pt-cv-title\"><a href=\"https:\/\/www.dmsjuridica.com\/buscador_20179478954\/corteconstitucionalcronologico202454587\/t-1087-05\/\" class=\"_self\" target=\"_self\" >T-1087-05<\/a><\/h4>\n<div class=\"pt-cv-content\">\u00a0 \u00a0 Sentencia T-1087\/05 \u00a0 SENTENCIA DE CONSTITUCIONALIDAD-Efectos\u00a0 \u00a0 CORTE CONSTITUCIONAL-\u00danica competente para determinar el contenido de sus sentencias \u00a0 PRINCIPIO DE LEGALIDAD-Aplicaci\u00f3n de la Ley preexistente a la realizaci\u00f3n de la conducta \u00a0 PRINCIPIO DE LEGALIDAD Y FAVORABILIDAD-Una sentencia de constitucionalidad tiene aplicaci\u00f3n inmediata\u00a0 \u00a0 El principio de favorabilidad opera en el derecho administrativo sancionador, hasta dar lugar i) al decaimiento del acto, as\u00ed la sanci\u00f3n estuviere ejecutoriada y la jurisdicci\u00f3n contenciosa se hubiere pronunciado sobre su legalidad y ii) a su revocatoria, debe la Sala establecer si lo mismo puede decirse de las sanciones impuestas a los miembros ...<br \/><div class=\"pt-cv-rmwrap\"><a href=\"https:\/\/www.dmsjuridica.com\/buscador_20179478954\/corteconstitucionalcronologico202454587\/t-1087-05\/\" class=\"_self pt-cv-readmore btn btn-success\" target=\"_self\">Ver Sentencia Completa...<\/a><\/div><\/div><\/div><\/div>\n<div class=\"col-md-12 col-sm-12 col-xs-12 pt-cv-content-item pt-cv-1-col\" ><div class='pt-cv-ifield'><a href=\"https:\/\/www.dmsjuridica.com\/buscador_20179478954\/corteconstitucionalcronologico202454587\/t-1086-05\/\" class=\"_self pt-cv-href-thumbnail pt-cv-thumb-default\" target=\"_self\" ><\/a>\n<div class=\"pt-cv-taxoterm above_title\"><a href='https:\/\/www.dmsjuridica.com\/buscador_20179478954\/corteconstitucionalcronologico202454587\/category\/buscar-en-toda-la-corte\/2005\/tutelas-2005\/' title='Tutelas 2005' class='pt-cv-tax-tutelas-2005'>Tutelas 2005<\/a><\/div>\n<h4 class=\"pt-cv-title\"><a href=\"https:\/\/www.dmsjuridica.com\/buscador_20179478954\/corteconstitucionalcronologico202454587\/t-1086-05\/\" class=\"_self\" target=\"_self\" >T-1086-05<\/a><\/h4>\n<div class=\"pt-cv-content\">\u00a0 \u00a0 Sentencia T-1086\/05 \u00a0 ACCION DE TUTELA-Agotamiento de la v\u00eda gubernativa como requisito de procedibilidad\u00a0 \u00a0 \u00a0 \u00a0 ACCION DE TUTELA Y PRINCIPIO DE INMEDIATEZ-Criterio para determinar la procedencia de la acci\u00f3n. \u00a0 CORPORACION AUTONOMA REGIONAL-Estructura fundamental de protecci\u00f3n de los ecosistemas regionales \u00a0 MEDIO AMBIENTE-Licencia ambiental dentro del contexto del sistema constitucional de protecci\u00f3n \u00a0 DEBIDO PROCESO-Corporaci\u00f3n Aut\u00f3noma Regional act\u00faa como juez y parte al interior de proceso sancionatorio seguido en contra de la entidad accionante.\u00a0 \u00a0 Peticionario: Sabrisky Point S.A. E.S.P. \u00a0 Accionado: Corporaci\u00f3n Aut\u00f3noma Regional de Cundinamarca CAR \u00a0 Magistrado Ponente:\u00a0 \u00a0 Dr. MARCO GERARDO MONROY ...<br \/><div class=\"pt-cv-rmwrap\"><a href=\"https:\/\/www.dmsjuridica.com\/buscador_20179478954\/corteconstitucionalcronologico202454587\/t-1086-05\/\" class=\"_self pt-cv-readmore btn btn-success\" target=\"_self\">Ver Sentencia Completa...<\/a><\/div><\/div><\/div><\/div>\n<div class=\"col-md-12 col-sm-12 col-xs-12 pt-cv-content-item pt-cv-1-col\" ><div class='pt-cv-ifield'><a href=\"https:\/\/www.dmsjuridica.com\/buscador_20179478954\/corteconstitucionalcronologico202454587\/t-1085-05\/\" class=\"_self pt-cv-href-thumbnail pt-cv-thumb-default\" target=\"_self\" ><\/a>\n<div class=\"pt-cv-taxoterm above_title\"><a href='https:\/\/www.dmsjuridica.com\/buscador_20179478954\/corteconstitucionalcronologico202454587\/category\/buscar-en-toda-la-corte\/2005\/tutelas-2005\/' title='Tutelas 2005' class='pt-cv-tax-tutelas-2005'>Tutelas 2005<\/a><\/div>\n<h4 class=\"pt-cv-title\"><a href=\"https:\/\/www.dmsjuridica.com\/buscador_20179478954\/corteconstitucionalcronologico202454587\/t-1085-05\/\" class=\"_self\" target=\"_self\" >T-1085-05<\/a><\/h4>\n<div class=\"pt-cv-content\">\u00a0 \u00a0 Sentencia T-1085\/05 \u00a0 LICENCIA DE MATERNIDAD-Reconocimiento y pago \u00a0 ALLANAMIENTO A LA MORA POR ENTIDAD PROMOTORA DE SALUD \u00a0 SENTENCIA DE TUTELA-Supuestos f\u00e1cticos no son los del caso en estudio \u00a0 La Sala considera oportuno reiterar que aunque la acci\u00f3n de tutela tiene un procedimiento donde los t\u00e9rminos son tan cortos, no por esto los fallos pueden carecer de una motivaci\u00f3n razonable, es decir que deben estar verdaderamente fundados en los hechos que fueron puestos en su conocimiento, porque de lo contrario se estar\u00eda desconociendo la importante funci\u00f3n que asume el juez al convertirse en juez de tutela ...<br \/><div class=\"pt-cv-rmwrap\"><a href=\"https:\/\/www.dmsjuridica.com\/buscador_20179478954\/corteconstitucionalcronologico202454587\/t-1085-05\/\" class=\"_self pt-cv-readmore btn btn-success\" target=\"_self\">Ver Sentencia Completa...<\/a><\/div><\/div><\/div><\/div>\n<div class=\"col-md-12 col-sm-12 col-xs-12 pt-cv-content-item pt-cv-1-col\" ><div class='pt-cv-ifield'><a href=\"https:\/\/www.dmsjuridica.com\/buscador_20179478954\/corteconstitucionalcronologico202454587\/t-1084-05\/\" class=\"_self pt-cv-href-thumbnail pt-cv-thumb-default\" target=\"_self\" ><\/a>\n<div class=\"pt-cv-taxoterm above_title\"><a href='https:\/\/www.dmsjuridica.com\/buscador_20179478954\/corteconstitucionalcronologico202454587\/category\/buscar-en-toda-la-corte\/2005\/tutelas-2005\/' title='Tutelas 2005' class='pt-cv-tax-tutelas-2005'>Tutelas 2005<\/a><\/div>\n<h4 class=\"pt-cv-title\"><a href=\"https:\/\/www.dmsjuridica.com\/buscador_20179478954\/corteconstitucionalcronologico202454587\/t-1084-05\/\" class=\"_self\" target=\"_self\" >T-1084-05<\/a><\/h4>\n<div class=\"pt-cv-content\">\u00a0 \u00a0 Sentencia T-1084\/05\u00a0 \u00a0 DERECHOS DEL INTERNO A LOS IMPLEMENTOS DE ASEO \u00a0 Al respecto y con la base concreta tanto normativa como jurisprudencial, debe decirse que en este caso el Establecimiento Penitenciario y Carcelario \u00a0de Alta y Mediana Seguridad de Valledupar ha vulnerado el derecho a la dignidad del interno, se\u00f1or Jorge Iv\u00e1n Acevedo Guti\u00e9rrez, al no proporcionar al interno los elementos para el aseo personal, situaci\u00f3n que vulnera su derecho a la dignidad. En tal sentido, la entidad demandada no demostr\u00f3 que la prestaci\u00f3n que solicita el interno estuviese satisfecha, m\u00e1s a\u00fan enfatiza que a ese Instituto ...<br \/><div class=\"pt-cv-rmwrap\"><a href=\"https:\/\/www.dmsjuridica.com\/buscador_20179478954\/corteconstitucionalcronologico202454587\/t-1084-05\/\" class=\"_self pt-cv-readmore btn btn-success\" target=\"_self\">Ver Sentencia Completa...<\/a><\/div><\/div><\/div><\/div>\n<div class=\"col-md-12 col-sm-12 col-xs-12 pt-cv-content-item pt-cv-1-col\" ><div class='pt-cv-ifield'><a href=\"https:\/\/www.dmsjuridica.com\/buscador_20179478954\/corteconstitucionalcronologico202454587\/t-1080-05\/\" class=\"_self pt-cv-href-thumbnail pt-cv-thumb-default\" target=\"_self\" ><\/a>\n<div class=\"pt-cv-taxoterm above_title\"><a href='https:\/\/www.dmsjuridica.com\/buscador_20179478954\/corteconstitucionalcronologico202454587\/category\/buscar-en-toda-la-corte\/2005\/tutelas-2005\/' title='Tutelas 2005' class='pt-cv-tax-tutelas-2005'>Tutelas 2005<\/a><\/div>\n<h4 class=\"pt-cv-title\"><a href=\"https:\/\/www.dmsjuridica.com\/buscador_20179478954\/corteconstitucionalcronologico202454587\/t-1080-05\/\" class=\"_self\" target=\"_self\" >T-1080-05<\/a><\/h4>\n<div class=\"pt-cv-content\">\u00a0 \u00a0 Sentencia T-1080\/05 \u00a0 ACCION DE TUTELA-Falta de idoneidad y eficacia de los recursos internos para garantizar derechos fundamentales\u00a0 \u00a0 REVOCATORIA DE ACTO ADMINISTRATIVO DE CARACTER PARTICULAR Y CONCRETO-Procedencia \u00a0 Un acto administrativo de car\u00e1cter particular y concreto (i) \u00a0s\u00f3lo es revocable con el consentimiento expreso y escrito del particular y \u00a0(ii) que si no se cuenta con el consentimiento expreso y escrito del particular, la administraci\u00f3n debe demandar su propio acto ante la jurisdicci\u00f3n de lo contencioso administrativo. Sin embargo, de forma excepcional, se permite que la administraci\u00f3n disponga la revocatoria directa de un acto administrativo de car\u00e1cter ...<br \/><div class=\"pt-cv-rmwrap\"><a href=\"https:\/\/www.dmsjuridica.com\/buscador_20179478954\/corteconstitucionalcronologico202454587\/t-1080-05\/\" class=\"_self pt-cv-readmore btn btn-success\" target=\"_self\">Ver Sentencia Completa...<\/a><\/div><\/div><\/div><\/div>\n<div class=\"col-md-12 col-sm-12 col-xs-12 pt-cv-content-item pt-cv-1-col\" ><div class='pt-cv-ifield'><a href=\"https:\/\/www.dmsjuridica.com\/buscador_20179478954\/corteconstitucionalcronologico202454587\/t-108-05\/\" class=\"_self pt-cv-href-thumbnail pt-cv-thumb-default\" target=\"_self\" ><\/a>\n<div class=\"pt-cv-taxoterm above_title\"><a href='https:\/\/www.dmsjuridica.com\/buscador_20179478954\/corteconstitucionalcronologico202454587\/category\/buscar-en-toda-la-corte\/2005\/tutelas-2005\/' title='Tutelas 2005' class='pt-cv-tax-tutelas-2005'>Tutelas 2005<\/a><\/div>\n<h4 class=\"pt-cv-title\"><a href=\"https:\/\/www.dmsjuridica.com\/buscador_20179478954\/corteconstitucionalcronologico202454587\/t-108-05\/\" class=\"_self\" target=\"_self\" >T-108-05<\/a><\/h4>\n<div class=\"pt-cv-content\">\u00a0 \u00a0 Sentencia T-108\/05 \u00a0 ACCION DE TUTELA CONTRA ADMINISTRACION DE CONJUNTO RESIDENCIAL-Procedencia \u00a0 ADMINISTRACION DE PROPIEDAD HORIZONTAL-Facultad para garantizar zonas comunes no debe limitar arbitrariamente los derechos \u00a0 ADMINISTRACION DE CONJUNTO RESIDENCIAL-Custodia y conservaci\u00f3n de zonas comunes \u00a0 PROPIEDAD HORIZONTAL-Uso de agendas o libros de registro como instrumentos de control\/PROPIEDAD HORIZONTAL-Limitaci\u00f3n en cuanto al origen, contenido y manejo de agendas o libros de registro\u00a0 \u00a0 Las agendas o libros de registro son instrumentos id\u00f3neos de control al interior de los inmuebles sometidos al r\u00e9gimen de propiedad horizontal, de los cuales pueden hacer uso los entes de direcci\u00f3n para el ...<br \/><div class=\"pt-cv-rmwrap\"><a href=\"https:\/\/www.dmsjuridica.com\/buscador_20179478954\/corteconstitucionalcronologico202454587\/t-108-05\/\" class=\"_self pt-cv-readmore btn btn-success\" target=\"_self\">Ver Sentencia Completa...<\/a><\/div><\/div><\/div><\/div>\n<div class=\"col-md-12 col-sm-12 col-xs-12 pt-cv-content-item pt-cv-1-col\" ><div class='pt-cv-ifield'><a href=\"https:\/\/www.dmsjuridica.com\/buscador_20179478954\/corteconstitucionalcronologico202454587\/t-1078-05\/\" class=\"_self pt-cv-href-thumbnail pt-cv-thumb-default\" target=\"_self\" ><\/a>\n<div class=\"pt-cv-taxoterm above_title\"><a href='https:\/\/www.dmsjuridica.com\/buscador_20179478954\/corteconstitucionalcronologico202454587\/category\/buscar-en-toda-la-corte\/2005\/tutelas-2005\/' title='Tutelas 2005' class='pt-cv-tax-tutelas-2005'>Tutelas 2005<\/a><\/div>\n<h4 class=\"pt-cv-title\"><a href=\"https:\/\/www.dmsjuridica.com\/buscador_20179478954\/corteconstitucionalcronologico202454587\/t-1078-05\/\" class=\"_self\" target=\"_self\" >T-1078-05<\/a><\/h4>\n<div class=\"pt-cv-content\">\u00a0 \u00a0 Sentencia T-1078\/05 \u00a0 ACCION DE TUTELA CONTRA ENTIDAD PUBLICA-El pago oportuno de salarios tiene car\u00e1cter de derecho fundamental \u00a0 ACCION DE TUTELA CONTRA ENTIDAD PUBLICA-Procedencia excepcional pago oportuno de salario \u00a0 DERECHO AL MINIMO VITAL DEL TRABAJADOR-Pago de salarios atrasados \u00a0 DERECHO AL MINIMO VITAL-No se requiere prueba documental que demuestre su afectaci\u00f3n\u00a0 \u00a0 Corresponde al juez de tutela verificar si en el caso puesto bajo su conocimiento existe o no vulneraci\u00f3n del m\u00ednimo vital. Para que el funcionario judicial llegue al convencimiento de que efectivamente se encuentra afectado el m\u00ednimo vital del peticionario por el incumplimiento en ...<br \/><div class=\"pt-cv-rmwrap\"><a href=\"https:\/\/www.dmsjuridica.com\/buscador_20179478954\/corteconstitucionalcronologico202454587\/t-1078-05\/\" class=\"_self pt-cv-readmore btn btn-success\" target=\"_self\">Ver Sentencia Completa...<\/a><\/div><\/div><\/div><\/div>\n<div class=\"col-md-12 col-sm-12 col-xs-12 pt-cv-content-item pt-cv-1-col\" ><div class='pt-cv-ifield'><a href=\"https:\/\/www.dmsjuridica.com\/buscador_20179478954\/corteconstitucionalcronologico202454587\/t-1077-05\/\" class=\"_self pt-cv-href-thumbnail pt-cv-thumb-default\" target=\"_self\" ><\/a>\n<div class=\"pt-cv-taxoterm above_title\"><a href='https:\/\/www.dmsjuridica.com\/buscador_20179478954\/corteconstitucionalcronologico202454587\/category\/buscar-en-toda-la-corte\/2005\/tutelas-2005\/' title='Tutelas 2005' class='pt-cv-tax-tutelas-2005'>Tutelas 2005<\/a><\/div>\n<h4 class=\"pt-cv-title\"><a href=\"https:\/\/www.dmsjuridica.com\/buscador_20179478954\/corteconstitucionalcronologico202454587\/t-1077-05\/\" class=\"_self\" target=\"_self\" >T-1077-05<\/a><\/h4>\n<div class=\"pt-cv-content\">\u00a0 \u00a0 Sentencia T-1077\/05 \u00a0 TRABAJO CARCELARIO-Naturaleza \u00a0 (i) El trabajo carcelario no obstante estar rodeado de las garant\u00edas m\u00ednimas que la constituci\u00f3n prev\u00e9 para el trabajo en libertad, responde a \u00a0sus propias especificidades, lo que impone ciertas limitaciones; (ii) que el trabajo carcelario adem\u00e1s de entra\u00f1ar un importante valor como factor dignificante y de superaci\u00f3n humana, forma parte del n\u00facleo esencial del derecho a la libertad de los reclusos por su potencial redentor; (iii) el car\u00e1cter obligatorio del trabajo carcelario es compatible con la Constituci\u00f3n y con las normas internacionales que forman parte de la misma, por v\u00eda de ...<br \/><div class=\"pt-cv-rmwrap\"><a href=\"https:\/\/www.dmsjuridica.com\/buscador_20179478954\/corteconstitucionalcronologico202454587\/t-1077-05\/\" class=\"_self pt-cv-readmore btn btn-success\" target=\"_self\">Ver Sentencia Completa...<\/a><\/div><\/div><\/div><\/div>\n<div class=\"col-md-12 col-sm-12 col-xs-12 pt-cv-content-item pt-cv-1-col\" ><div class='pt-cv-ifield'><a href=\"https:\/\/www.dmsjuridica.com\/buscador_20179478954\/corteconstitucionalcronologico202454587\/t-1076-05\/\" class=\"_self pt-cv-href-thumbnail pt-cv-thumb-default\" target=\"_self\" ><\/a>\n<div class=\"pt-cv-taxoterm above_title\"><a href='https:\/\/www.dmsjuridica.com\/buscador_20179478954\/corteconstitucionalcronologico202454587\/category\/buscar-en-toda-la-corte\/2005\/tutelas-2005\/' title='Tutelas 2005' class='pt-cv-tax-tutelas-2005'>Tutelas 2005<\/a><\/div>\n<h4 class=\"pt-cv-title\"><a href=\"https:\/\/www.dmsjuridica.com\/buscador_20179478954\/corteconstitucionalcronologico202454587\/t-1076-05\/\" class=\"_self\" target=\"_self\" >T-1076-05<\/a><\/h4>\n<div class=\"pt-cv-content\">\u00a0 \u00a0 Sentencia T-1076\/05 \u00a0 REGISTRO UNICO DE POBLACION DESPLAZADA-Funci\u00f3n \u00a0 DESPLAZAMIENTO FORZADO-Consecuencias\/DESPLAZAMIENTO FORZADO-Vulneraci\u00f3n m\u00faltiple, masiva y cont\u00ednua de derechos fundamentales \u00a0 DESPLAZAMIENTO FORZADO-Situaci\u00f3n de hecho \u00a0 DERECHOS DERIVADOS DE LA CONDICION DE DESPLAZADO\/ESTADO-Debe garantizar atenci\u00f3n de personas desplazadas \u00a0 DERECHO A LA VERDAD-Esclarecimiento de las circunstancias del desplazamiento \u00a0 DESPLAZAMIENTO FORZADO-Indicios como elemento probatorio \u00a0 DESPLAZAMIENTO FORZADO-Reglas jurisprudenciales \u00a0 (i) La interpretaci\u00f3n favorable de las normas que regulan la materia permite inferir que la condici\u00f3n de desplazado forzado interno es una situaci\u00f3n f\u00e1ctica, que no est\u00e1 supeditada al reconocimiento oficial a trav\u00e9s de la inscripci\u00f3n en el RUPD; (ii) ...<br \/><div class=\"pt-cv-rmwrap\"><a href=\"https:\/\/www.dmsjuridica.com\/buscador_20179478954\/corteconstitucionalcronologico202454587\/t-1076-05\/\" class=\"_self pt-cv-readmore btn btn-success\" target=\"_self\">Ver Sentencia Completa...<\/a><\/div><\/div><\/div><\/div>\n<div class=\"col-md-12 col-sm-12 col-xs-12 pt-cv-content-item pt-cv-1-col\" ><div class='pt-cv-ifield'><a href=\"https:\/\/www.dmsjuridica.com\/buscador_20179478954\/corteconstitucionalcronologico202454587\/t-1075-05\/\" class=\"_self pt-cv-href-thumbnail pt-cv-thumb-default\" target=\"_self\" ><\/a>\n<div class=\"pt-cv-taxoterm above_title\"><a href='https:\/\/www.dmsjuridica.com\/buscador_20179478954\/corteconstitucionalcronologico202454587\/category\/buscar-en-toda-la-corte\/2005\/tutelas-2005\/' title='Tutelas 2005' class='pt-cv-tax-tutelas-2005'>Tutelas 2005<\/a><\/div>\n<h4 class=\"pt-cv-title\"><a href=\"https:\/\/www.dmsjuridica.com\/buscador_20179478954\/corteconstitucionalcronologico202454587\/t-1075-05\/\" class=\"_self\" target=\"_self\" >T-1075-05<\/a><\/h4>\n<div class=\"pt-cv-content\">\u00a0 \u00a0 Sentencia T-1075\/05 \u00a0 ACCION DE TUTELA CONTRA PROVIDENCIAS JUDICIALES POR VIA DE HECHO-Procedencia excepcional\u00a0 \u00a0 La independencia judicial y el respeto a los efectos de la cosa juzgada y al principio de seguridad jur\u00eddica como pilares del Estado constitucional de derecho hacen que las decisiones que ponen fin a una controversia sometida a la jurisdicci\u00f3n posean car\u00e1cter definitivo y, de manera general, no puedan atacarse una vez adquieren ejecutoria. \u00a0Por lo tanto, la acci\u00f3n de tutela no es un instrumento destinado a cuestionar tales decisiones. En ese sentido, s\u00f3lo resulta procedente de forma excepcional cuando la sentencia judicial ...<br \/><div class=\"pt-cv-rmwrap\"><a href=\"https:\/\/www.dmsjuridica.com\/buscador_20179478954\/corteconstitucionalcronologico202454587\/t-1075-05\/\" class=\"_self pt-cv-readmore btn btn-success\" target=\"_self\">Ver Sentencia Completa...<\/a><\/div><\/div><\/div><\/div>\n<div class=\"col-md-12 col-sm-12 col-xs-12 pt-cv-content-item pt-cv-1-col\" ><div class='pt-cv-ifield'><a href=\"https:\/\/www.dmsjuridica.com\/buscador_20179478954\/corteconstitucionalcronologico202454587\/t-1074-05\/\" class=\"_self pt-cv-href-thumbnail pt-cv-thumb-default\" target=\"_self\" ><\/a>\n<div class=\"pt-cv-taxoterm above_title\"><a href='https:\/\/www.dmsjuridica.com\/buscador_20179478954\/corteconstitucionalcronologico202454587\/category\/buscar-en-toda-la-corte\/2005\/tutelas-2005\/' title='Tutelas 2005' class='pt-cv-tax-tutelas-2005'>Tutelas 2005<\/a><\/div>\n<h4 class=\"pt-cv-title\"><a href=\"https:\/\/www.dmsjuridica.com\/buscador_20179478954\/corteconstitucionalcronologico202454587\/t-1074-05\/\" class=\"_self\" target=\"_self\" >T-1074-05<\/a><\/h4>\n<div class=\"pt-cv-content\">\u00a0 \u00a0 Sentencia T-1074\/05 \u00a0 ACCION DE TUTELA CONTRA PROVIDENCIAS JUDICIALES-Procedencia excepcional por v\u00eda de hecho \u00a0 LEY 546 de 1999-Doctrina de la Corte Constitucional sobre el art\u00edculo 42 par\u00e1grafo 3 \u00a0 PROCESO EJECUTIVO HIPOTECARIO-Terminaci\u00f3n y archivo de procesos en curso a 31 de diciembre de 1999 una vez efectuada la reliquidaci\u00f3n\u00a0 \u00a0 PROCESO EJECUTIVO HIPOTECARIO-Terminaci\u00f3n y archivo de procesos\u00a0 \u00a0 -Reiteraci\u00f3n de jurisprudencia - \u00a0 Referencia: expediente T-1171187 \u00a0 Acci\u00f3n de tutela instaurada por la se\u00f1ora Lucila Ortiz contra el Juzgado Tercero Civil del Circuito de Bucaramanga. \u00a0 Magistrado Ponente: \u00a0 Dr. JAIME ARA\u00daJO RENTER\u00cdA \u00a0 Bogot\u00e1, D. C., ...<br \/><div class=\"pt-cv-rmwrap\"><a href=\"https:\/\/www.dmsjuridica.com\/buscador_20179478954\/corteconstitucionalcronologico202454587\/t-1074-05\/\" class=\"_self pt-cv-readmore btn btn-success\" target=\"_self\">Ver Sentencia Completa...<\/a><\/div><\/div><\/div><\/div>\n<div class=\"col-md-12 col-sm-12 col-xs-12 pt-cv-content-item pt-cv-1-col\" ><div class='pt-cv-ifield'><a href=\"https:\/\/www.dmsjuridica.com\/buscador_20179478954\/corteconstitucionalcronologico202454587\/t-1073-05\/\" class=\"_self pt-cv-href-thumbnail pt-cv-thumb-default\" target=\"_self\" ><\/a>\n<div class=\"pt-cv-taxoterm above_title\"><a href='https:\/\/www.dmsjuridica.com\/buscador_20179478954\/corteconstitucionalcronologico202454587\/category\/buscar-en-toda-la-corte\/2005\/tutelas-2005\/' title='Tutelas 2005' class='pt-cv-tax-tutelas-2005'>Tutelas 2005<\/a><\/div>\n<h4 class=\"pt-cv-title\"><a href=\"https:\/\/www.dmsjuridica.com\/buscador_20179478954\/corteconstitucionalcronologico202454587\/t-1073-05\/\" class=\"_self\" target=\"_self\" >T-1073-05<\/a><\/h4>\n<div class=\"pt-cv-content\">\u00a0 \u00a0 Sentencia T-1073\/05 \u00a0 ACCION DE TUTELA CONTRA PARTICULARES-Procedencia cuando existe subordinaci\u00f3n \u00a0 ACCION DE TUTELA-Procedencia excepcional para obtener el pago de salarios \u00a0 DERECHO AL MINIMO VITAL DEL TRABAJADOR-Pago de salarios atrasados \u00a0 EMPLEADOR-Responde si omite el deber de pagar los aportes y trasladar las cotizaciones de la seguridad social \u00a0 DERECHO A LA SEGURIDAD SOCIAL DEL TRABAJADOR-Pago oportuno de aportes por empleador \u00a0 El pago oportuno y cumplido de los aportes patronales y el descuento y posterior traslado de las cotizaciones por parte del empleador, constituye un postulado fundamental para la protecci\u00f3n al derecho a la seguridad ...<br \/><div class=\"pt-cv-rmwrap\"><a href=\"https:\/\/www.dmsjuridica.com\/buscador_20179478954\/corteconstitucionalcronologico202454587\/t-1073-05\/\" class=\"_self pt-cv-readmore btn btn-success\" target=\"_self\">Ver Sentencia Completa...<\/a><\/div><\/div><\/div><\/div>\n<div class=\"col-md-12 col-sm-12 col-xs-12 pt-cv-content-item pt-cv-1-col\" ><div class='pt-cv-ifield'><a href=\"https:\/\/www.dmsjuridica.com\/buscador_20179478954\/corteconstitucionalcronologico202454587\/t-1072-05\/\" class=\"_self pt-cv-href-thumbnail pt-cv-thumb-default\" target=\"_self\" ><\/a>\n<div class=\"pt-cv-taxoterm above_title\"><a href='https:\/\/www.dmsjuridica.com\/buscador_20179478954\/corteconstitucionalcronologico202454587\/category\/buscar-en-toda-la-corte\/2005\/tutelas-2005\/' title='Tutelas 2005' class='pt-cv-tax-tutelas-2005'>Tutelas 2005<\/a><\/div>\n<h4 class=\"pt-cv-title\"><a href=\"https:\/\/www.dmsjuridica.com\/buscador_20179478954\/corteconstitucionalcronologico202454587\/t-1072-05\/\" class=\"_self\" target=\"_self\" >T-1072-05<\/a><\/h4>\n<div class=\"pt-cv-content\">\u00a0 \u00a0 Sentencia T-1072\/05 \u00a0 LICENCIA DE MATERNIDAD-Procedencia excepcional de tutela para el pago\/LICENCIA DE MATERNIDAD-Mecanismo constitucional para conjurar la situaci\u00f3n de vulneraci\u00f3n o amenaza del derecho al m\u00ednimo vital de la madre y su hijo reci\u00e9n nacido. \u00a0 LICENCIA DE MATERNIDAD-Pago por allanamiento a la mora por EPS \u00a0 ENTIDAD PROMOTORA DE SALUD-No puede negar el pago de la licencia de maternidad excus\u00e1ndose en que los pagos fueron extempor\u00e1neos \u00a0 LICENCIA DE MATERNIDAD-T\u00e9rmino hasta de un a\u00f1o despu\u00e9s del nacimiento del ni\u00f1o para reclamar por tutela \u00a0 -Reiteraci\u00f3n de jurisprudencia- \u00a0 Referencia: expediente T-1146358 \u00a0 Acci\u00f3n de tutela instaurada ...<br \/><div class=\"pt-cv-rmwrap\"><a href=\"https:\/\/www.dmsjuridica.com\/buscador_20179478954\/corteconstitucionalcronologico202454587\/t-1072-05\/\" class=\"_self pt-cv-readmore btn btn-success\" target=\"_self\">Ver Sentencia Completa...<\/a><\/div><\/div><\/div><\/div>\n<div class=\"col-md-12 col-sm-12 col-xs-12 pt-cv-content-item pt-cv-1-col\" ><div class='pt-cv-ifield'><a href=\"https:\/\/www.dmsjuridica.com\/buscador_20179478954\/corteconstitucionalcronologico202454587\/t-1071-05\/\" class=\"_self pt-cv-href-thumbnail pt-cv-thumb-default\" target=\"_self\" ><\/a>\n<div class=\"pt-cv-taxoterm above_title\"><a href='https:\/\/www.dmsjuridica.com\/buscador_20179478954\/corteconstitucionalcronologico202454587\/category\/buscar-en-toda-la-corte\/2005\/tutelas-2005\/' title='Tutelas 2005' class='pt-cv-tax-tutelas-2005'>Tutelas 2005<\/a><\/div>\n<h4 class=\"pt-cv-title\"><a href=\"https:\/\/www.dmsjuridica.com\/buscador_20179478954\/corteconstitucionalcronologico202454587\/t-1071-05\/\" class=\"_self\" target=\"_self\" >T-1071-05<\/a><\/h4>\n<div class=\"pt-cv-content\">ACCION DE TUTELA-Car\u00e1cter subsidiario y residual por existencia de otro medio de defensa judicial \u00a0 ACCION DE TUTELA-Procedencia excepcional contra sentencias judiciales \u00a0 DEBIDO PROCESO-Accionante solicita sean reconocidos sus derechos como poseedora material al interior de proceso ejecutivo \u00a0 Referencia: expediente T-1076459\u00a0 \u00a0 Acci\u00f3n de tutela instaurada por Ana Berrocal de L\u00f3pez contra el Juzgado Tercero Civil Municipal de Monter\u00eda, el Juzgado Civil Municipal de Ceret\u00e9, Coobancoquia y Carlos Mario Ram\u00edrez G\u00f3mez, con citaci\u00f3n oficiosa de Domingo Berrocal Galv\u00e1n, Gustavo Berrocal Hern\u00e1ndez, Norma Avila Otero, Armando Petro Lengua, y Tatiana Estrada Ceballos.\u00a0 \u00a0 Magistrado Ponente: \u00a0 Dr. JAIME ARA\u00daJO RENTER\u00cdA ...<br \/><div class=\"pt-cv-rmwrap\"><a href=\"https:\/\/www.dmsjuridica.com\/buscador_20179478954\/corteconstitucionalcronologico202454587\/t-1071-05\/\" class=\"_self pt-cv-readmore btn btn-success\" target=\"_self\">Ver Sentencia Completa...<\/a><\/div><\/div><\/div><\/div>\n<div class=\"col-md-12 col-sm-12 col-xs-12 pt-cv-content-item pt-cv-1-col\" ><div class='pt-cv-ifield'><a href=\"https:\/\/www.dmsjuridica.com\/buscador_20179478954\/corteconstitucionalcronologico202454587\/t-1070-05\/\" class=\"_self pt-cv-href-thumbnail pt-cv-thumb-default\" target=\"_self\" ><\/a>\n<div class=\"pt-cv-taxoterm above_title\"><a href='https:\/\/www.dmsjuridica.com\/buscador_20179478954\/corteconstitucionalcronologico202454587\/category\/buscar-en-toda-la-corte\/2005\/tutelas-2005\/' title='Tutelas 2005' class='pt-cv-tax-tutelas-2005'>Tutelas 2005<\/a><\/div>\n<h4 class=\"pt-cv-title\"><a href=\"https:\/\/www.dmsjuridica.com\/buscador_20179478954\/corteconstitucionalcronologico202454587\/t-1070-05\/\" class=\"_self\" target=\"_self\" >T-1070-05<\/a><\/h4>\n<div class=\"pt-cv-content\">\u00a0 \u00a0 Sentencia T-1070\/05 \u00a0 PROCESO DE ALIMENTOS\/NOTIFICACION POR AVISO \u00a0 La Corte ha concluido que la procedencia de la acci\u00f3n de tutela contra providencias judiciales depende de que el juez constitucional verifique el cumplimiento de los siguientes presupuestos b\u00e1sicos: (i) que no se encuentren previstos en la ley otros mecanismos de defensa judicial que se puedan invocar para precaver la amenaza o violaci\u00f3n alegada, o que de existir \u00e9stos, no resulten del todo eficaces para evitar la ocurrencia de un perjuicio irremediable; (ii) que la actuaci\u00f3n cuestionada, materializada en una providencia judicial, carezca de todo fundamento jur\u00eddico y sea ...<br \/><div class=\"pt-cv-rmwrap\"><a href=\"https:\/\/www.dmsjuridica.com\/buscador_20179478954\/corteconstitucionalcronologico202454587\/t-1070-05\/\" class=\"_self pt-cv-readmore btn btn-success\" target=\"_self\">Ver Sentencia Completa...<\/a><\/div><\/div><\/div><\/div>\n<div class=\"col-md-12 col-sm-12 col-xs-12 pt-cv-content-item pt-cv-1-col\" ><div class='pt-cv-ifield'><a href=\"https:\/\/www.dmsjuridica.com\/buscador_20179478954\/corteconstitucionalcronologico202454587\/t-107-05\/\" class=\"_self pt-cv-href-thumbnail pt-cv-thumb-default\" target=\"_self\" ><\/a>\n<div class=\"pt-cv-taxoterm above_title\"><a href='https:\/\/www.dmsjuridica.com\/buscador_20179478954\/corteconstitucionalcronologico202454587\/category\/buscar-en-toda-la-corte\/2005\/tutelas-2005\/' title='Tutelas 2005' class='pt-cv-tax-tutelas-2005'>Tutelas 2005<\/a><\/div>\n<h4 class=\"pt-cv-title\"><a href=\"https:\/\/www.dmsjuridica.com\/buscador_20179478954\/corteconstitucionalcronologico202454587\/t-107-05\/\" class=\"_self\" target=\"_self\" >T-107-05<\/a><\/h4>\n<div class=\"pt-cv-content\">\u00a0 \u00a0 Sentencia T-107\/05 \u00a0 ACCION DE TUTELA CONTRA DECISIONES QUE SE ADOPTAN EN PROCESO DE TUTELA-Improcedencia \u00a0 REVISION FALLO DE TUTELA-Alcance \u00a0 Referencia: expediente T-968815 \u00a0 Accionante: Celmira Pinillos de S\u00e1nchez y otro \u00a0 Demandado: Juez Promiscuo Municipal de Planadas, Tolima\u00a0 \u00a0 Magistrado Ponente:\u00a0 \u00a0 Dr. RODRIGO ESCOBAR GIL \u00a0 Bogot\u00e1, D.C., diez (10) de febrero de dos mil cinco (2005). \u00a0 La Sala Quinta de Revisi\u00f3n de la Corte Constitucional, integrada por los Magistrados Rodrigo Escobar Gil, Marco Gerardo Monroy Cabra y Humberto Sierra Porto, en ejercicio de sus competencias constitucionales y legales, ha pronunciado la siguiente \u00a0 ...<br \/><div class=\"pt-cv-rmwrap\"><a href=\"https:\/\/www.dmsjuridica.com\/buscador_20179478954\/corteconstitucionalcronologico202454587\/t-107-05\/\" class=\"_self pt-cv-readmore btn btn-success\" target=\"_self\">Ver Sentencia Completa...<\/a><\/div><\/div><\/div><\/div>\n<div class=\"col-md-12 col-sm-12 col-xs-12 pt-cv-content-item pt-cv-1-col\" ><div class='pt-cv-ifield'><a href=\"https:\/\/www.dmsjuridica.com\/buscador_20179478954\/corteconstitucionalcronologico202454587\/t-1069-05\/\" class=\"_self pt-cv-href-thumbnail pt-cv-thumb-default\" target=\"_self\" ><\/a>\n<div class=\"pt-cv-taxoterm above_title\"><a href='https:\/\/www.dmsjuridica.com\/buscador_20179478954\/corteconstitucionalcronologico202454587\/category\/buscar-en-toda-la-corte\/2005\/tutelas-2005\/' title='Tutelas 2005' class='pt-cv-tax-tutelas-2005'>Tutelas 2005<\/a><\/div>\n<h4 class=\"pt-cv-title\"><a href=\"https:\/\/www.dmsjuridica.com\/buscador_20179478954\/corteconstitucionalcronologico202454587\/t-1069-05\/\" class=\"_self\" target=\"_self\" >T-1069-05<\/a><\/h4>\n<div class=\"pt-cv-content\">\u00a0 \u00a0 Sentencia T-1069\/05 \u00a0 REQUISAS EN ESTABLECIMIENTO CARCELARIO-Tratos crueles, inhumanos y degradantes en la requisa a internos y visitantes\/ESTABLECIMIENTO CARCELARIO-Prohibici\u00f3n de requisas visuales o por contacto sobre cuerpos desnudos a internos y visitantes\/ESTABLECIMIENTO CARCELARIO-Requisa vaginal no est\u00e1 permitida \u00a0 ESTABLECIMIENTO CARCELARIO-Prohibici\u00f3n de no dejar ingresar a la mujer cuando tiene el periodo menstrual es una pr\u00e1ctica discriminatoria \u00a0 Referencia: expediente T-1139677 \u00a0 Accionante: \u00a0Marilu Zapata \u00a0 Demandado: Instituto Nacional Penitenciario INPEC (Direcci\u00f3n Regional del Valle del Cauca. Penitenciar\u00eda \"Villa Hermosa\" del Distrito Judicial de Cali) \u00a0 Magistrado Ponente:\u00a0 \u00a0 Dr. RODRIGO ESCOBAR GIL \u00a0 Bogot\u00e1, D. C., veinte (20) ...<br \/><div class=\"pt-cv-rmwrap\"><a href=\"https:\/\/www.dmsjuridica.com\/buscador_20179478954\/corteconstitucionalcronologico202454587\/t-1069-05\/\" class=\"_self pt-cv-readmore btn btn-success\" target=\"_self\">Ver Sentencia Completa...<\/a><\/div><\/div><\/div><\/div>\n<div class=\"col-md-12 col-sm-12 col-xs-12 pt-cv-content-item pt-cv-1-col\" ><div class='pt-cv-ifield'><a href=\"https:\/\/www.dmsjuridica.com\/buscador_20179478954\/corteconstitucionalcronologico202454587\/t-1068-05\/\" class=\"_self pt-cv-href-thumbnail pt-cv-thumb-default\" target=\"_self\" ><\/a>\n<div class=\"pt-cv-taxoterm above_title\"><a href='https:\/\/www.dmsjuridica.com\/buscador_20179478954\/corteconstitucionalcronologico202454587\/category\/buscar-en-toda-la-corte\/2005\/tutelas-2005\/' title='Tutelas 2005' class='pt-cv-tax-tutelas-2005'>Tutelas 2005<\/a><\/div>\n<h4 class=\"pt-cv-title\"><a href=\"https:\/\/www.dmsjuridica.com\/buscador_20179478954\/corteconstitucionalcronologico202454587\/t-1068-05\/\" class=\"_self\" target=\"_self\" >T-1068-05<\/a><\/h4>\n<div class=\"pt-cv-content\">\u00a0 \u00a0 Sentencia T-1068\/05 \u00a0 ACCION DE TUTELA-Improcedencia para obtener reajuste pensional\u00a0 \u00a0 ACCION DE TUTELA-Procedencia excepcional para evitar un perjuicio irremediable\u00a0 \u00a0 JUEZ CONSTITUCIONAL-Criterios al momento de proferir el fallo de tutela \u00a0 Cuando quien interpone la acci\u00f3n con el fin de obtener la reliquidaci\u00f3n pensional pertenece a la tercera edad, el juez debe tomar en consideraci\u00f3n esa situaci\u00f3n al momento de analizar la violaci\u00f3n de derechos y la procedencia de la tutela, como quiera que se trata de una persona que goza de la especial protecci\u00f3n del Estado, que se otorga a ese sector de la poblaci\u00f3n. Sin ...<br \/><div class=\"pt-cv-rmwrap\"><a href=\"https:\/\/www.dmsjuridica.com\/buscador_20179478954\/corteconstitucionalcronologico202454587\/t-1068-05\/\" class=\"_self pt-cv-readmore btn btn-success\" target=\"_self\">Ver Sentencia Completa...<\/a><\/div><\/div><\/div><\/div>\n<div class=\"col-md-12 col-sm-12 col-xs-12 pt-cv-content-item pt-cv-1-col\" ><div class='pt-cv-ifield'><a href=\"https:\/\/www.dmsjuridica.com\/buscador_20179478954\/corteconstitucionalcronologico202454587\/t-1067-05\/\" class=\"_self pt-cv-href-thumbnail pt-cv-thumb-default\" target=\"_self\" ><\/a>\n<div class=\"pt-cv-taxoterm above_title\"><a href='https:\/\/www.dmsjuridica.com\/buscador_20179478954\/corteconstitucionalcronologico202454587\/category\/buscar-en-toda-la-corte\/2005\/tutelas-2005\/' title='Tutelas 2005' class='pt-cv-tax-tutelas-2005'>Tutelas 2005<\/a><\/div>\n<h4 class=\"pt-cv-title\"><a href=\"https:\/\/www.dmsjuridica.com\/buscador_20179478954\/corteconstitucionalcronologico202454587\/t-1067-05\/\" class=\"_self\" target=\"_self\" >T-1067-05<\/a><\/h4>\n<div class=\"pt-cv-content\">\u00a0 \u00a0 Sentencia T-1067\/05 \u00a0 DERECHO A LA SALUD DEL MENOR BENEFICIARIO DEL SISBEN-Requiere atenci\u00f3n m\u00e9dica integral por padecer de hemofilia \u00a0 DERECHO A LA SALUD DEL MENOR BENEFICIARIO DEL SISBEN-No debe exigirse copago \u00a0 En criterio de la Corte aunque el pago de cuotas moderadoras o copagos no quebranta por s\u00ed mismo el derecho a la salud, s\u00ed lo vulnera cuando con \u00e9ste se desconozca el ejercicio pleno de los derechos fundamentales a la vida y la salud de los ni\u00f1os, en la medida en que el cobro de cuotas de recuperaci\u00f3n o copagos a un menor que requiere ...<br \/><div class=\"pt-cv-rmwrap\"><a href=\"https:\/\/www.dmsjuridica.com\/buscador_20179478954\/corteconstitucionalcronologico202454587\/t-1067-05\/\" class=\"_self pt-cv-readmore btn btn-success\" target=\"_self\">Ver Sentencia Completa...<\/a><\/div><\/div><\/div><\/div>\n<div class=\"col-md-12 col-sm-12 col-xs-12 pt-cv-content-item pt-cv-1-col\" ><div class='pt-cv-ifield'><a href=\"https:\/\/www.dmsjuridica.com\/buscador_20179478954\/corteconstitucionalcronologico202454587\/t-1066-05\/\" class=\"_self pt-cv-href-thumbnail pt-cv-thumb-default\" target=\"_self\" ><\/a>\n<div class=\"pt-cv-taxoterm above_title\"><a href='https:\/\/www.dmsjuridica.com\/buscador_20179478954\/corteconstitucionalcronologico202454587\/category\/buscar-en-toda-la-corte\/2005\/tutelas-2005\/' title='Tutelas 2005' class='pt-cv-tax-tutelas-2005'>Tutelas 2005<\/a><\/div>\n<h4 class=\"pt-cv-title\"><a href=\"https:\/\/www.dmsjuridica.com\/buscador_20179478954\/corteconstitucionalcronologico202454587\/t-1066-05\/\" class=\"_self\" target=\"_self\" >T-1066-05<\/a><\/h4>\n<div class=\"pt-cv-content\">\u00a0 \u00a0 Sentencia T-1066\/05 \u00a0 ACCION DE TUTELA-Procedencia excepcional para resolver conflictos relacionados con reconocimiento o reliquidaci\u00f3n de prestaciones sociales\u00a0 \u00a0 ACCION DE TUTELA-Improcedencia cuando no se evidencia perjuicio irremediable\u00a0 \u00a0 ACCION DE TUTELA-Improcedencia para determinar a quien corresponde el pago de aportes o bonos pensionales \u00a0 DERECHO A LA SEGURIDAD SOCIAL-Fundamental por afectaci\u00f3n del m\u00ednimo vital\u00a0 \u00a0 BONOS PENSIONALES-Demora en emisi\u00f3n afecta derechos fundamentales \u00a0 Referencia: expediente T-1127233 \u00a0 Acci\u00f3n de tutela instaurada por Carlos Heli G\u00f3mez Bravo contra el Banco de Comercio Exterior de Colombia S. A. BANCOLDEX.\u00a0 \u00a0 Magistrado Ponente: \u00a0 Dr. ALVARO TAFUR GALVIS. \u00a0 Bogot\u00e1, ...<br \/><div class=\"pt-cv-rmwrap\"><a href=\"https:\/\/www.dmsjuridica.com\/buscador_20179478954\/corteconstitucionalcronologico202454587\/t-1066-05\/\" class=\"_self pt-cv-readmore btn btn-success\" target=\"_self\">Ver Sentencia Completa...<\/a><\/div><\/div><\/div><\/div>\n<div class=\"col-md-12 col-sm-12 col-xs-12 pt-cv-content-item pt-cv-1-col\" ><div class='pt-cv-ifield'><a href=\"https:\/\/www.dmsjuridica.com\/buscador_20179478954\/corteconstitucionalcronologico202454587\/t-1065-05\/\" class=\"_self pt-cv-href-thumbnail pt-cv-thumb-default\" target=\"_self\" ><\/a>\n<div class=\"pt-cv-taxoterm above_title\"><a href='https:\/\/www.dmsjuridica.com\/buscador_20179478954\/corteconstitucionalcronologico202454587\/category\/buscar-en-toda-la-corte\/2005\/tutelas-2005\/' title='Tutelas 2005' class='pt-cv-tax-tutelas-2005'>Tutelas 2005<\/a><\/div>\n<h4 class=\"pt-cv-title\"><a href=\"https:\/\/www.dmsjuridica.com\/buscador_20179478954\/corteconstitucionalcronologico202454587\/t-1065-05\/\" class=\"_self\" target=\"_self\" >T-1065-05<\/a><\/h4>\n<div class=\"pt-cv-content\">\u00a0 \u00a0 Sentencia T-1065\/05 \u00a0 ESTADO SOCIAL DE DERECHO-Protecci\u00f3n de personas en circunstancias de debilidad manifiesta \u00a0 PENSION DE SOBREVIVIENTES-Procedencia de tutela para quienes se encuentran en condiciones de debilidad manifiesta\u00a0 \u00a0 PENSION DE SOBREVIVIENTES-Quienes tienen derecho al reconocimiento pensional\u00a0 \u00a0 DEBIDO PROCESO ADMINISTRATIVO-Vulneraci\u00f3n en reconocimiento de auxilio monetario \u00a0 Referencia: expediente T-1061653 \u00a0 Acci\u00f3n de tutela instaurada por el se\u00f1or AGUST\u00cdN GONZ\u00c1LEZ FONSECA Y OTRA contra el SEGURO SOCIAL SECCIONAL BOYAC\u00c1 \u2013PENSIONES \u00a0 Magistrado Ponente: \u00a0 Dr. ALVARO TAFUR GALVIS \u00a0 Bogot\u00e1, D. C., veinte (20) de octubre de dos mil cinco (2005). \u00a0 La Sala Octava de Revisi\u00f3n ...<br \/><div class=\"pt-cv-rmwrap\"><a href=\"https:\/\/www.dmsjuridica.com\/buscador_20179478954\/corteconstitucionalcronologico202454587\/t-1065-05\/\" class=\"_self pt-cv-readmore btn btn-success\" target=\"_self\">Ver Sentencia Completa...<\/a><\/div><\/div><\/div><\/div>\n<div class=\"col-md-12 col-sm-12 col-xs-12 pt-cv-content-item pt-cv-1-col\" ><div class='pt-cv-ifield'><a href=\"https:\/\/www.dmsjuridica.com\/buscador_20179478954\/corteconstitucionalcronologico202454587\/t-1064-05\/\" class=\"_self pt-cv-href-thumbnail pt-cv-thumb-default\" target=\"_self\" ><\/a>\n<div class=\"pt-cv-taxoterm above_title\"><a href='https:\/\/www.dmsjuridica.com\/buscador_20179478954\/corteconstitucionalcronologico202454587\/category\/buscar-en-toda-la-corte\/2005\/tutelas-2005\/' title='Tutelas 2005' class='pt-cv-tax-tutelas-2005'>Tutelas 2005<\/a><\/div>\n<h4 class=\"pt-cv-title\"><a href=\"https:\/\/www.dmsjuridica.com\/buscador_20179478954\/corteconstitucionalcronologico202454587\/t-1064-05\/\" class=\"_self\" target=\"_self\" >T-1064-05<\/a><\/h4>\n<div class=\"pt-cv-content\">\u00a0 \u00a0 Sentencia T-1064\/05 \u00a0 ACCION DE TUTELA CONTRA EMPRESA DE MEDICINA PREPAGADA-Procedencia excepcional de tutela \u00a0 Excepcionalmente procede la tutela respecto de empresas de medicina prepagada en orden a proteger el derecho fundamental a la salud en conexi\u00f3n con la vida, se puede conceder la tutela si adem\u00e1s se demuestra la incapacidad econ\u00f3mica del accionante y requiere la atenci\u00f3n m\u00e9dica seg\u00fan lo certifique el m\u00e9dico tratante. \u00a0 CONTRATO DE MEDICINA PREPAGADA-Preexistencia \u00a0 Seg\u00fan jurisprudencia de la Corte, se puede deducir lo siguiente: a) en materia de preexistencias, las empresas de medicina prepagada, no pueden hacerlas oponibles a los usuarios, ...<br \/><div class=\"pt-cv-rmwrap\"><a href=\"https:\/\/www.dmsjuridica.com\/buscador_20179478954\/corteconstitucionalcronologico202454587\/t-1064-05\/\" class=\"_self pt-cv-readmore btn btn-success\" target=\"_self\">Ver Sentencia Completa...<\/a><\/div><\/div><\/div><\/div>\n<div class=\"col-md-12 col-sm-12 col-xs-12 pt-cv-content-item pt-cv-1-col\" ><div class='pt-cv-ifield'><a href=\"https:\/\/www.dmsjuridica.com\/buscador_20179478954\/corteconstitucionalcronologico202454587\/t-1063-05\/\" class=\"_self pt-cv-href-thumbnail pt-cv-thumb-default\" target=\"_self\" ><\/a>\n<div class=\"pt-cv-taxoterm above_title\"><a href='https:\/\/www.dmsjuridica.com\/buscador_20179478954\/corteconstitucionalcronologico202454587\/category\/buscar-en-toda-la-corte\/2005\/tutelas-2005\/' title='Tutelas 2005' class='pt-cv-tax-tutelas-2005'>Tutelas 2005<\/a><\/div>\n<h4 class=\"pt-cv-title\"><a href=\"https:\/\/www.dmsjuridica.com\/buscador_20179478954\/corteconstitucionalcronologico202454587\/t-1063-05\/\" class=\"_self\" target=\"_self\" >T-1063-05<\/a><\/h4>\n<div class=\"pt-cv-content\">\u00a0 \u00a0 Sentencia T-1063\/05 \u00a0 DERECHO A LA SALUD DEL MENOR-EPS tienen libertad de escoger IPS por medio de las cuales prestar\u00e1n servicios del POS \u00a0 Las EPS tienen la libertad de elegir las IPS por intermedio de las cuales prestar\u00e1n los servicios del POS a sus afiliados, siempre que \u00e9stas garanticen un servicio integral y de calidad. As\u00ed mismo, tienen la obligaci\u00f3n de celebrar convenios con varias de estas instituciones con el fin de garantizar el ejercicio del derecho a la libre escogencia de IPS por parte de sus usuarios. Por su parte, este derecho s\u00f3lo puede ejercerse dentro ...<br \/><div class=\"pt-cv-rmwrap\"><a href=\"https:\/\/www.dmsjuridica.com\/buscador_20179478954\/corteconstitucionalcronologico202454587\/t-1063-05\/\" class=\"_self pt-cv-readmore btn btn-success\" target=\"_self\">Ver Sentencia Completa...<\/a><\/div><\/div><\/div><\/div>\n<div class=\"col-md-12 col-sm-12 col-xs-12 pt-cv-content-item pt-cv-1-col\" ><div class='pt-cv-ifield'><a href=\"https:\/\/www.dmsjuridica.com\/buscador_20179478954\/corteconstitucionalcronologico202454587\/t-1062-05\/\" class=\"_self pt-cv-href-thumbnail pt-cv-thumb-default\" target=\"_self\" ><\/a>\n<div class=\"pt-cv-taxoterm above_title\"><a href='https:\/\/www.dmsjuridica.com\/buscador_20179478954\/corteconstitucionalcronologico202454587\/category\/buscar-en-toda-la-corte\/2005\/tutelas-2005\/' title='Tutelas 2005' class='pt-cv-tax-tutelas-2005'>Tutelas 2005<\/a><\/div>\n<h4 class=\"pt-cv-title\"><a href=\"https:\/\/www.dmsjuridica.com\/buscador_20179478954\/corteconstitucionalcronologico202454587\/t-1062-05\/\" class=\"_self\" target=\"_self\" >T-1062-05<\/a><\/h4>\n<div class=\"pt-cv-content\">\u00a0 \u00a0 Sentencia T-1062\/05 \u00a0 PERSONA JURIDICA-Legitimaci\u00f3n por activa para interponer tutela \u00a0 ACCION DE TUTELA Y PRINCIPIO DE INMEDIATEZ-Criterio para determinar la procedencia de la acci\u00f3n.\u00a0 \u00a0 DEFENSOR DE DERECHOS HUMANOS-Sujetos de especial protecci\u00f3n constitucional \u00a0 DERECHO AL BUEN NOMBRE Y A LA HONRA-Falta de individualizaci\u00f3n o identificaci\u00f3n en alocuciones presidenciales \u00a0 RECTIFICACION-Involucra carga de la prueba para quien la solicita \u00a0 La Sala considera que en el proceso de la referencia, la entidad demandante no prob\u00f3 con suficiencia, el hecho motivo de censura, por lo que tampoco se reputa probada la vulneraci\u00f3n de los derechos fundamentales alegados. Para ...<br \/><div class=\"pt-cv-rmwrap\"><a href=\"https:\/\/www.dmsjuridica.com\/buscador_20179478954\/corteconstitucionalcronologico202454587\/t-1062-05\/\" class=\"_self pt-cv-readmore btn btn-success\" target=\"_self\">Ver Sentencia Completa...<\/a><\/div><\/div><\/div><\/div>\n<div class=\"col-md-12 col-sm-12 col-xs-12 pt-cv-content-item pt-cv-1-col\" ><div class='pt-cv-ifield'><a href=\"https:\/\/www.dmsjuridica.com\/buscador_20179478954\/corteconstitucionalcronologico202454587\/t-1061-05\/\" class=\"_self pt-cv-href-thumbnail pt-cv-thumb-default\" target=\"_self\" ><\/a>\n<div class=\"pt-cv-taxoterm above_title\"><a href='https:\/\/www.dmsjuridica.com\/buscador_20179478954\/corteconstitucionalcronologico202454587\/category\/buscar-en-toda-la-corte\/2005\/tutelas-2005\/' title='Tutelas 2005' class='pt-cv-tax-tutelas-2005'>Tutelas 2005<\/a><\/div>\n<h4 class=\"pt-cv-title\"><a href=\"https:\/\/www.dmsjuridica.com\/buscador_20179478954\/corteconstitucionalcronologico202454587\/t-1061-05\/\" class=\"_self\" target=\"_self\" >T-1061-05<\/a><\/h4>\n<div class=\"pt-cv-content\">\u00a0 \u00a0 Sentencia T-1061\/05 \u00a0 LEY 546 de 1999-Doctrina de la Corte Constitucional sobre el art\u00edculo 42 par\u00e1grafo 3 \u00a0 PROCESO EJECUTIVO HIPOTECARIO-Terminaci\u00f3n y archivo de procesos en curso a 31 de diciembre de 1999 una vez efectuada la reliquidaci\u00f3n\u00a0 \u00a0 PROCESO EJECUTIVO HIPOTECARIO-Terminaci\u00f3n y archivo de procesos\u00a0 \u00a0 Referencia: expedientes T-1180244 \u00a0 Acci\u00f3n de tutela presentada por Carlos Quijano y Stella Guarin contra el Banco Colmena y el Juzgado Cuarto Civil del Circuito de Ibagu\u00e9.\u00a0 \u00a0 Procedencia: Corte Suprema de Justicia Sala de Casaci\u00f3n Civil. \u00a0 Magistrado Ponente: \u00a0 Dr. ALFREDO BELTR\u00c1N SIERRA. \u00a0 Bogot\u00e1, D. C., veinte (20) ...<br \/><div class=\"pt-cv-rmwrap\"><a href=\"https:\/\/www.dmsjuridica.com\/buscador_20179478954\/corteconstitucionalcronologico202454587\/t-1061-05\/\" class=\"_self pt-cv-readmore btn btn-success\" target=\"_self\">Ver Sentencia Completa...<\/a><\/div><\/div><\/div><\/div>\n<div class=\"col-md-12 col-sm-12 col-xs-12 pt-cv-content-item pt-cv-1-col\" ><div class='pt-cv-ifield'><a href=\"https:\/\/www.dmsjuridica.com\/buscador_20179478954\/corteconstitucionalcronologico202454587\/t-1060-05\/\" class=\"_self pt-cv-href-thumbnail pt-cv-thumb-default\" target=\"_self\" ><\/a>\n<div class=\"pt-cv-taxoterm above_title\"><a href='https:\/\/www.dmsjuridica.com\/buscador_20179478954\/corteconstitucionalcronologico202454587\/category\/buscar-en-toda-la-corte\/2005\/tutelas-2005\/' title='Tutelas 2005' class='pt-cv-tax-tutelas-2005'>Tutelas 2005<\/a><\/div>\n<h4 class=\"pt-cv-title\"><a href=\"https:\/\/www.dmsjuridica.com\/buscador_20179478954\/corteconstitucionalcronologico202454587\/t-1060-05\/\" class=\"_self\" target=\"_self\" >T-1060-05<\/a><\/h4>\n<div class=\"pt-cv-content\">\u00a0 \u00a0 Sentencia T-1060\/05 \u00a0 MINIMO VITAL DEL PENSIONADO-Reviste car\u00e1cter de derecho fundamental \u00a0 ACCION DE TUTELA CONTRA PARTICULARES-Revocatoria unilateral de acto por entidad privada que reconoci\u00f3 derecho a la pensi\u00f3n \u00a0 PENSION DE JUBILACION-Revocatoria por particular sin consentimiento expreso y escrito del titular \u00a0 REVOCATORIA DE ACTO ADMINISTRATIVO DE CARACTER PARTICULAR Y CONCRETO-Consentimiento expreso y escrito del titular\u00a0 \u00a0 El fundamento esencial para la legalidad de \u00a0esta clase de decisiones est\u00e1 en la participaci\u00f3n activa del titular del derecho, participaci\u00f3n que se evidencia con su consentimiento expreso y por escrito. Si \u00e9sta no se logra, ser\u00e1 necesaria, entonces su ...<br \/><div class=\"pt-cv-rmwrap\"><a href=\"https:\/\/www.dmsjuridica.com\/buscador_20179478954\/corteconstitucionalcronologico202454587\/t-1060-05\/\" class=\"_self pt-cv-readmore btn btn-success\" target=\"_self\">Ver Sentencia Completa...<\/a><\/div><\/div><\/div><\/div>\n<div class=\"col-md-12 col-sm-12 col-xs-12 pt-cv-content-item pt-cv-1-col\" ><div class='pt-cv-ifield'><a href=\"https:\/\/www.dmsjuridica.com\/buscador_20179478954\/corteconstitucionalcronologico202454587\/t-106-05\/\" class=\"_self pt-cv-href-thumbnail pt-cv-thumb-default\" target=\"_self\" ><\/a>\n<div class=\"pt-cv-taxoterm above_title\"><a href='https:\/\/www.dmsjuridica.com\/buscador_20179478954\/corteconstitucionalcronologico202454587\/category\/buscar-en-toda-la-corte\/2005\/tutelas-2005\/' title='Tutelas 2005' class='pt-cv-tax-tutelas-2005'>Tutelas 2005<\/a><\/div>\n<h4 class=\"pt-cv-title\"><a href=\"https:\/\/www.dmsjuridica.com\/buscador_20179478954\/corteconstitucionalcronologico202454587\/t-106-05\/\" class=\"_self\" target=\"_self\" >T-106-05<\/a><\/h4>\n<div class=\"pt-cv-content\">\u00a0 \u00a0 Sentencia T-106\/05 \u00a0 ACCION DE TUTELA CONTRA PROVIDENCIAS JUDICIALES-Procedencia excepcional \u00a0 ACCION DE TUTELA CONTRA PROVIDENCIAS JUDICIALES-Relaci\u00f3n inescindible entre sus causales de procedibilidad y la vulneraci\u00f3n de derechos fundamentales \u00a0 DERECHO A LA DEFENSA TECNICA-Alcance\/DERECHO A LA DEFENSA TECNICA-Vulneraci\u00f3n al n\u00facleo esencial \u00a0 Se entiende violado el n\u00facleo esencial del derecho a la defensa t\u00e9cnica, cuando concurren los siguientes cuatro elementos: Que efectivamente se presenten fallas en la defensa que, desde ninguna perspectiva posible, puedan encuadrarse dentro del margen de libertad con que cuenta el apoderado para escoger la estrategia de defensa adecuada. Ello implica que, para que ...<br \/><div class=\"pt-cv-rmwrap\"><a href=\"https:\/\/www.dmsjuridica.com\/buscador_20179478954\/corteconstitucionalcronologico202454587\/t-106-05\/\" class=\"_self pt-cv-readmore btn btn-success\" target=\"_self\">Ver Sentencia Completa...<\/a><\/div><\/div><\/div><\/div>\n<div class=\"col-md-12 col-sm-12 col-xs-12 pt-cv-content-item pt-cv-1-col\" ><div class='pt-cv-ifield'><a href=\"https:\/\/www.dmsjuridica.com\/buscador_20179478954\/corteconstitucionalcronologico202454587\/t-1059-05\/\" class=\"_self pt-cv-href-thumbnail pt-cv-thumb-default\" target=\"_self\" ><\/a>\n<div class=\"pt-cv-taxoterm above_title\"><a href='https:\/\/www.dmsjuridica.com\/buscador_20179478954\/corteconstitucionalcronologico202454587\/category\/buscar-en-toda-la-corte\/2005\/tutelas-2005\/' title='Tutelas 2005' class='pt-cv-tax-tutelas-2005'>Tutelas 2005<\/a><\/div>\n<h4 class=\"pt-cv-title\"><a href=\"https:\/\/www.dmsjuridica.com\/buscador_20179478954\/corteconstitucionalcronologico202454587\/t-1059-05\/\" class=\"_self\" target=\"_self\" >T-1059-05<\/a><\/h4>\n<div class=\"pt-cv-content\">\u00a0 \u00a0 Sentencia T-1059\/05 \u00a0 ACTO ADMINISTRATIVO-Desvinculaci\u00f3n de funcionario que ejerce en provisionalidad cargo de carrera administrativa debe ser motivada \u00a0 DERECHO A LA ESTABILIDAD LABORAL-Grado de protecci\u00f3n judicial de personas vinculadas en provisionalidad\u00a0 \u00a0 El fuero de estabilidad ampara a quienes han ingresado a la funci\u00f3n p\u00fablica mediante el sistema de concurso de m\u00e9ritos y que las personas nombradas en provisionalidad no cuentan con el mismo grado de protecci\u00f3n judicial cuando son removidas del cargo. Sin embargo, quienes son designados en provisionalidad gozan de cierto grado de protecci\u00f3n, en la medida en que no podr\u00e1n ser removidos de su ...<br \/><div class=\"pt-cv-rmwrap\"><a href=\"https:\/\/www.dmsjuridica.com\/buscador_20179478954\/corteconstitucionalcronologico202454587\/t-1059-05\/\" class=\"_self pt-cv-readmore btn btn-success\" target=\"_self\">Ver Sentencia Completa...<\/a><\/div><\/div><\/div><\/div>\n<div class=\"col-md-12 col-sm-12 col-xs-12 pt-cv-content-item pt-cv-1-col\" ><div class='pt-cv-ifield'><a href=\"https:\/\/www.dmsjuridica.com\/buscador_20179478954\/corteconstitucionalcronologico202454587\/t-1058-05\/\" class=\"_self pt-cv-href-thumbnail pt-cv-thumb-default\" target=\"_self\" ><\/a>\n<div class=\"pt-cv-taxoterm above_title\"><a href='https:\/\/www.dmsjuridica.com\/buscador_20179478954\/corteconstitucionalcronologico202454587\/category\/buscar-en-toda-la-corte\/2005\/tutelas-2005\/' title='Tutelas 2005' class='pt-cv-tax-tutelas-2005'>Tutelas 2005<\/a><\/div>\n<h4 class=\"pt-cv-title\"><a href=\"https:\/\/www.dmsjuridica.com\/buscador_20179478954\/corteconstitucionalcronologico202454587\/t-1058-05\/\" class=\"_self\" target=\"_self\" >T-1058-05<\/a><\/h4>\n<div class=\"pt-cv-content\">\u00a0 \u00a0 Sentencia T-1058\/05\u00a0 \u00a0 ACCION DE TUTELA CONTRA PROVIDENCIAS JUDICIALES POR VIA DE HECHO-Causales gen\u00e9ricas de procedibilidad \u00a0 Referencia: expediente T-1126341 \u00a0 Acci\u00f3n de tutela instaurada por el se\u00f1or Jorge Eleazar Devia Arias (en representaci\u00f3n del se\u00f1or Humberto Mape) contra la Sala de decisi\u00f3n Laboral del Tribunal Superior del Distrito Judicial de Ibagu\u00e9 (Tolima). \u00a0 Procedencia: Sala de Casaci\u00f3n Laboral de la Corte Suprema de Justicia.\u00a0 \u00a0 Magistrado Ponente:\u00a0 \u00a0 Dr. ALFREDO BELTR\u00c1N SIERRA. \u00a0 Bogot\u00e1, D. C., veinte (20) de octubre de dos mil cinco (2005). \u00a0 La Sala de Revisi\u00f3n de la Corte Constitucional, en ejercicio de ...<br \/><div class=\"pt-cv-rmwrap\"><a href=\"https:\/\/www.dmsjuridica.com\/buscador_20179478954\/corteconstitucionalcronologico202454587\/t-1058-05\/\" class=\"_self pt-cv-readmore btn btn-success\" target=\"_self\">Ver Sentencia Completa...<\/a><\/div><\/div><\/div><\/div>\n<div class=\"col-md-12 col-sm-12 col-xs-12 pt-cv-content-item pt-cv-1-col\" ><div class='pt-cv-ifield'><a href=\"https:\/\/www.dmsjuridica.com\/buscador_20179478954\/corteconstitucionalcronologico202454587\/t-105-05\/\" class=\"_self pt-cv-href-thumbnail pt-cv-thumb-default\" target=\"_self\" ><\/a>\n<div class=\"pt-cv-taxoterm above_title\"><a href='https:\/\/www.dmsjuridica.com\/buscador_20179478954\/corteconstitucionalcronologico202454587\/category\/buscar-en-toda-la-corte\/2005\/tutelas-2005\/' title='Tutelas 2005' class='pt-cv-tax-tutelas-2005'>Tutelas 2005<\/a><\/div>\n<h4 class=\"pt-cv-title\"><a href=\"https:\/\/www.dmsjuridica.com\/buscador_20179478954\/corteconstitucionalcronologico202454587\/t-105-05\/\" class=\"_self\" target=\"_self\" >T-105-05<\/a><\/h4>\n<div class=\"pt-cv-content\">\u00a0 \u00a0 Sentencia T-105\/05 \u00a0 CREDITO HIPOTECARIO-Suspensi\u00f3n de procesos solo se aplica para cr\u00e9ditos de vivienda \u00a0 Referencia: expediente T-984374 \u00a0 Acci\u00f3n de tutela instaurada por Ligia Corredor Espitia contra el Banco AV Villas y el Juzgado Promiscuo Civil del Circuito de Yopal.\u00a0 \u00a0 Magistrado Ponente:\u00a0 \u00a0 Dr. ALFREDO BELTR\u00c1N SIERRA. \u00a0 Bogot\u00e1, D.C., diez (10) de febrero de dos mil cinco (2005). \u00a0 La Sala Segunda de Revisi\u00f3n de la Corte Constitucional, en ejercicio de sus competencias constitucionales y legales, ha proferido la siguiente\u00a0 \u00a0 SENTENCIA\u00a0 \u00a0 en el proceso de revisi\u00f3n del fallo adoptado por la Corte Suprema ...<br \/><div class=\"pt-cv-rmwrap\"><a href=\"https:\/\/www.dmsjuridica.com\/buscador_20179478954\/corteconstitucionalcronologico202454587\/t-105-05\/\" class=\"_self pt-cv-readmore btn btn-success\" target=\"_self\">Ver Sentencia Completa...<\/a><\/div><\/div><\/div><\/div>\n<div class=\"col-md-12 col-sm-12 col-xs-12 pt-cv-content-item pt-cv-1-col\" ><div class='pt-cv-ifield'><a href=\"https:\/\/www.dmsjuridica.com\/buscador_20179478954\/corteconstitucionalcronologico202454587\/t-1039-05\/\" class=\"_self pt-cv-href-thumbnail pt-cv-thumb-default\" target=\"_self\" ><\/a>\n<div class=\"pt-cv-taxoterm above_title\"><a href='https:\/\/www.dmsjuridica.com\/buscador_20179478954\/corteconstitucionalcronologico202454587\/category\/buscar-en-toda-la-corte\/2005\/tutelas-2005\/' title='Tutelas 2005' class='pt-cv-tax-tutelas-2005'>Tutelas 2005<\/a><\/div>\n<h4 class=\"pt-cv-title\"><a href=\"https:\/\/www.dmsjuridica.com\/buscador_20179478954\/corteconstitucionalcronologico202454587\/t-1039-05\/\" class=\"_self\" target=\"_self\" >T-1039-05<\/a><\/h4>\n<div class=\"pt-cv-content\">\u00a0 \u00a0 Sentencia T-1039\/05 \u00a0 DERECHO A LA SEGURIDAD SOCIAL-Fundamental por afectaci\u00f3n del m\u00ednimo vital \u00a0 DERECHO A LA SEGURIDAD SOCIAL-Vulneraci\u00f3n por no reconocimiento oportuno de pensi\u00f3n \u00a0 DERECHO DE PETICION EN MATERIA PENSIONAL-T\u00e9rminos para resolver\u00a0 \u00a0 Referencia: expediente T-1162586 \u00a0 Accionante: Jos\u00e9 Laureano Murcia Castellanos \u00a0 Demandado: Instituto de los Seguros Sociales. \u00a0 Magistrado Ponente:\u00a0 \u00a0 Dr. RODRIGO ESCOBAR GIL \u00a0 Bogot\u00e1, D. C., diecinueve (19) de octubre de dos mil cinco (2005). \u00a0 La Sala Quinta de Revisi\u00f3n de la Corte Constitucional, integrada por los Magistrados Rodrigo Escobar Gil \u2013 Presidente- Marco Gerardo Monroy Cabra y Humberto Antonio ...<br \/><div class=\"pt-cv-rmwrap\"><a href=\"https:\/\/www.dmsjuridica.com\/buscador_20179478954\/corteconstitucionalcronologico202454587\/t-1039-05\/\" class=\"_self pt-cv-readmore btn btn-success\" target=\"_self\">Ver Sentencia Completa...<\/a><\/div><\/div><\/div><\/div>\n<div class=\"col-md-12 col-sm-12 col-xs-12 pt-cv-content-item pt-cv-1-col\" ><div class='pt-cv-ifield'><a href=\"https:\/\/www.dmsjuridica.com\/buscador_20179478954\/corteconstitucionalcronologico202454587\/t-1038-05\/\" class=\"_self pt-cv-href-thumbnail pt-cv-thumb-default\" target=\"_self\" ><\/a>\n<div class=\"pt-cv-taxoterm above_title\"><a href='https:\/\/www.dmsjuridica.com\/buscador_20179478954\/corteconstitucionalcronologico202454587\/category\/buscar-en-toda-la-corte\/2005\/tutelas-2005\/' title='Tutelas 2005' class='pt-cv-tax-tutelas-2005'>Tutelas 2005<\/a><\/div>\n<h4 class=\"pt-cv-title\"><a href=\"https:\/\/www.dmsjuridica.com\/buscador_20179478954\/corteconstitucionalcronologico202454587\/t-1038-05\/\" class=\"_self\" target=\"_self\" >T-1038-05<\/a><\/h4>\n<div class=\"pt-cv-content\">\u00a0 \u00a0 Sentencia T-1038\/05 \u00a0 ACCION DE TUTELA-Carencia actual de objeto por fallecimiento de la actora \u00a0 DERECHO A LA SALUD-Fundamental por conexidad con la vida \u00a0 PLANES ADICIONALES DE SALUD EN EL SISTEMA GENERAL DE SEGURIDAD SOCIAL EN SALUD-Alcance \u00a0 PRINCIPIO DE CONTINUIDAD EN EL SERVICIO DE SALUD-Jurisprudencia constitucional \u00a0 Esta Sala estima que en casos en los cuales se han interrumpido tratamientos m\u00e9dicos espec\u00edficos, tales como cirug\u00edas, ex\u00e1menes de diagn\u00f3stico, suministro de medicamentos durante el t\u00e9rmino prescrito por el m\u00e9dico tratante, la prestaci\u00f3n de los servicios debe extenderse hasta que dichos tratamientos sean terminados. Las entidades del Sistema ...<br \/><div class=\"pt-cv-rmwrap\"><a href=\"https:\/\/www.dmsjuridica.com\/buscador_20179478954\/corteconstitucionalcronologico202454587\/t-1038-05\/\" class=\"_self pt-cv-readmore btn btn-success\" target=\"_self\">Ver Sentencia Completa...<\/a><\/div><\/div><\/div><\/div>\n<div class=\"col-md-12 col-sm-12 col-xs-12 pt-cv-content-item pt-cv-1-col\" ><div class='pt-cv-ifield'><a href=\"https:\/\/www.dmsjuridica.com\/buscador_20179478954\/corteconstitucionalcronologico202454587\/t-1037-05\/\" class=\"_self pt-cv-href-thumbnail pt-cv-thumb-default\" target=\"_self\" ><\/a>\n<div class=\"pt-cv-taxoterm above_title\"><a href='https:\/\/www.dmsjuridica.com\/buscador_20179478954\/corteconstitucionalcronologico202454587\/category\/buscar-en-toda-la-corte\/2005\/tutelas-2005\/' title='Tutelas 2005' class='pt-cv-tax-tutelas-2005'>Tutelas 2005<\/a><\/div>\n<h4 class=\"pt-cv-title\"><a href=\"https:\/\/www.dmsjuridica.com\/buscador_20179478954\/corteconstitucionalcronologico202454587\/t-1037-05\/\" class=\"_self\" target=\"_self\" >T-1037-05<\/a><\/h4>\n<div class=\"pt-cv-content\">\u00a0 \u00a0 Sentencia T-1037\/05 \u00a0 El articulo 43 de la Constituci\u00f3n Pol\u00edtica responde al deber de garantizar la igualdad sustancial entre mujeres y hombres, es una herramienta de protecci\u00f3n para las mujeres por su condici\u00f3n de maternidad y jefatura del hogar y adem\u00e1s, permite amparar a la familia \u2013ni\u00f1os, personas discapacitadas y personas de la tercera edad- que dependen \u00a0de la mujer. \u00a0 MUJER CABEZA DE FAMILIA-Protecci\u00f3n en el programa de renovaci\u00f3n de la administraci\u00f3n p\u00fablica \u00a0 INCORA-Aplicaci\u00f3n del ret\u00e9n social en el proceso de liquidaci\u00f3n\u00a0 \u00a0 El Instituto Colombiano de Reforma Agraria deb\u00eda aplicar los postulados consagrados en la ...<br \/><div class=\"pt-cv-rmwrap\"><a href=\"https:\/\/www.dmsjuridica.com\/buscador_20179478954\/corteconstitucionalcronologico202454587\/t-1037-05\/\" class=\"_self pt-cv-readmore btn btn-success\" target=\"_self\">Ver Sentencia Completa...<\/a><\/div><\/div><\/div><\/div>\n<div class=\"col-md-12 col-sm-12 col-xs-12 pt-cv-content-item pt-cv-1-col\" ><div class='pt-cv-ifield'><a href=\"https:\/\/www.dmsjuridica.com\/buscador_20179478954\/corteconstitucionalcronologico202454587\/t-1036-05\/\" class=\"_self pt-cv-href-thumbnail pt-cv-thumb-default\" target=\"_self\" ><\/a>\n<div class=\"pt-cv-taxoterm above_title\"><a href='https:\/\/www.dmsjuridica.com\/buscador_20179478954\/corteconstitucionalcronologico202454587\/category\/buscar-en-toda-la-corte\/2005\/tutelas-2005\/' title='Tutelas 2005' class='pt-cv-tax-tutelas-2005'>Tutelas 2005<\/a><\/div>\n<h4 class=\"pt-cv-title\"><a href=\"https:\/\/www.dmsjuridica.com\/buscador_20179478954\/corteconstitucionalcronologico202454587\/t-1036-05\/\" class=\"_self\" target=\"_self\" >T-1036-05<\/a><\/h4>\n<div class=\"pt-cv-content\">\u00a0 \u00a0 Sentencia T-1036\/05 \u00a0 ACCION DE TUTELA PARA RECONOCIMIENTO DE PENSION DE VEJEZ-Procedencia cuando se vulneran derechos fundamentales\u00a0 \u00a0 ACCION DE TUTELA PARA RECONOCIMIENTO DE PENSION DE VEJEZ-Procedencia excepcional por someter al actor a una larga espera \u00a0 \u00a0 \u00a0 DERECHOS FUNDAMENTALES-Vulneraci\u00f3n por cuanto no se ha reconocido y liquidado el bono pensional a\u00fan cuando ya se tiene la certificaci\u00f3n salarial \u00a0 SEGURO SOCIAL-No puede negar reconocimiento de pensi\u00f3n por la no emisi\u00f3n oportuna del bono\/BONOS PENSIONALES-Demora en emisi\u00f3n afecta derechos fundamentales \u00a0 BONOS PENSIONALES-No emisi\u00f3n no es obst\u00e1culo para obtener pensi\u00f3n de jubilaci\u00f3n \u00a0 BONOS PENSIONALES-Controversia sobre la ...<br \/><div class=\"pt-cv-rmwrap\"><a href=\"https:\/\/www.dmsjuridica.com\/buscador_20179478954\/corteconstitucionalcronologico202454587\/t-1036-05\/\" class=\"_self pt-cv-readmore btn btn-success\" target=\"_self\">Ver Sentencia Completa...<\/a><\/div><\/div><\/div><\/div>\n<div class=\"col-md-12 col-sm-12 col-xs-12 pt-cv-content-item pt-cv-1-col\" ><div class='pt-cv-ifield'><a href=\"https:\/\/www.dmsjuridica.com\/buscador_20179478954\/corteconstitucionalcronologico202454587\/t-1035-05\/\" class=\"_self pt-cv-href-thumbnail pt-cv-thumb-default\" target=\"_self\" ><\/a>\n<div class=\"pt-cv-taxoterm above_title\"><a href='https:\/\/www.dmsjuridica.com\/buscador_20179478954\/corteconstitucionalcronologico202454587\/category\/buscar-en-toda-la-corte\/2005\/tutelas-2005\/' title='Tutelas 2005' class='pt-cv-tax-tutelas-2005'>Tutelas 2005<\/a><\/div>\n<h4 class=\"pt-cv-title\"><a href=\"https:\/\/www.dmsjuridica.com\/buscador_20179478954\/corteconstitucionalcronologico202454587\/t-1035-05\/\" class=\"_self\" target=\"_self\" >T-1035-05<\/a><\/h4>\n<div class=\"pt-cv-content\">\u00a0 \u00a0 Sentencia T-1035\/05 \u00a0 SUBSIDIO ECONOMICO PARA ANCIANOS INDIGENTES \u00a0 Esta Sala considera, que el hecho de que el nuevo programa de seguridad no hubiera determinado que las personas que eran beneficiarias del mismo en \u00e9poca anterior deb\u00edan ser incluidas en el mismo, no era motivo suficiente para excluir a los accionantes de la ayuda de que gozaban. La Alcald\u00eda Municipal de Ibagu\u00e9 debi\u00f3 considerar, que por el hecho de los accionantes haber sido beneficiarios de una prestaci\u00f3n estatal, no pod\u00edan ser privados de la misma, sino mediante una decisi\u00f3n respetuosa de un debido proceso, mediante el cual dicho ...<br \/><div class=\"pt-cv-rmwrap\"><a href=\"https:\/\/www.dmsjuridica.com\/buscador_20179478954\/corteconstitucionalcronologico202454587\/t-1035-05\/\" class=\"_self pt-cv-readmore btn btn-success\" target=\"_self\">Ver Sentencia Completa...<\/a><\/div><\/div><\/div><\/div>\n<div class=\"col-md-12 col-sm-12 col-xs-12 pt-cv-content-item pt-cv-1-col\" ><div class='pt-cv-ifield'><a href=\"https:\/\/www.dmsjuridica.com\/buscador_20179478954\/corteconstitucionalcronologico202454587\/t-1034-05\/\" class=\"_self pt-cv-href-thumbnail pt-cv-thumb-default\" target=\"_self\" ><\/a>\n<div class=\"pt-cv-taxoterm above_title\"><a href='https:\/\/www.dmsjuridica.com\/buscador_20179478954\/corteconstitucionalcronologico202454587\/category\/buscar-en-toda-la-corte\/2005\/tutelas-2005\/' title='Tutelas 2005' class='pt-cv-tax-tutelas-2005'>Tutelas 2005<\/a><\/div>\n<h4 class=\"pt-cv-title\"><a href=\"https:\/\/www.dmsjuridica.com\/buscador_20179478954\/corteconstitucionalcronologico202454587\/t-1034-05\/\" class=\"_self\" target=\"_self\" >T-1034-05<\/a><\/h4>\n<div class=\"pt-cv-content\">\u00a0 \u00a0 Sentencia T-1034\/05 \u00a0 ACCION DE TUTELA CONTRA ENTIDAD FINANCIERA-Inexistencia de temeridad por existir hechos nuevos \u00a0 ACCION DE TUTELA CONTRA ENTIDAD FINANCIERA-Procedencia por prestaci\u00f3n de servicio p\u00fablico \u00a0 ACTO PROPIO-Par\u00e1metros para su aplicaci\u00f3n\/ACTO PROPIO-Respeto\u00a0 \u00a0 ACCION DE TUTELA CONTRA ENTIDAD FINANCIERA-Reliquidaci\u00f3n de cr\u00e9ditos hipotecarios \u00a0 Al estudiar otras acciones de tutela interpuestas por clientes del Banco Granahorrar, que han sufrido consecuencias por el error de la entidad al momento de reliquidar sus cr\u00e9ditos hipotecarios, en cumplimiento a lo dispuesto en la Ley 546 de 1999, la Corte ha concedido el amparo invocado teniendo en cuenta los siguientes fundamentos: ...<br \/><div class=\"pt-cv-rmwrap\"><a href=\"https:\/\/www.dmsjuridica.com\/buscador_20179478954\/corteconstitucionalcronologico202454587\/t-1034-05\/\" class=\"_self pt-cv-readmore btn btn-success\" target=\"_self\">Ver Sentencia Completa...<\/a><\/div><\/div><\/div><\/div>\n<div class=\"col-md-12 col-sm-12 col-xs-12 pt-cv-content-item pt-cv-1-col\" ><div class='pt-cv-ifield'><a href=\"https:\/\/www.dmsjuridica.com\/buscador_20179478954\/corteconstitucionalcronologico202454587\/t-1033-05\/\" class=\"_self pt-cv-href-thumbnail pt-cv-thumb-default\" target=\"_self\" ><\/a>\n<div class=\"pt-cv-taxoterm above_title\"><a href='https:\/\/www.dmsjuridica.com\/buscador_20179478954\/corteconstitucionalcronologico202454587\/category\/buscar-en-toda-la-corte\/2005\/tutelas-2005\/' title='Tutelas 2005' class='pt-cv-tax-tutelas-2005'>Tutelas 2005<\/a><\/div>\n<h4 class=\"pt-cv-title\"><a href=\"https:\/\/www.dmsjuridica.com\/buscador_20179478954\/corteconstitucionalcronologico202454587\/t-1033-05\/\" class=\"_self\" target=\"_self\" >T-1033-05<\/a><\/h4>\n<div class=\"pt-cv-content\">\u00a0 \u00a0 Sentencia T-1033\/05 \u00a0 LEGITIMACION EN LA CAUSA POR ACTIVA-Poder especial adquiere plena validez cuando cumple con todas sus formalidades \u00a0 El poder especial deber\u00e1 determinar las facultades que tiene el mandatario sin necesidad que, dentro del mandato, se discriminen todas y cada una de las pretensiones que se deben formular en la demanda. Basta nombrar los par\u00e1metros generales dentro de los cuales los abogados deber\u00e1n elaborar su petici\u00f3n. De acuerdo con lo anterior y para presumirse la representaci\u00f3n de que alguien represente los intereses de otro, ser\u00e1 suficiente que ello aparezca acreditado en el respectivo expediente. Se debe ...<br \/><div class=\"pt-cv-rmwrap\"><a href=\"https:\/\/www.dmsjuridica.com\/buscador_20179478954\/corteconstitucionalcronologico202454587\/t-1033-05\/\" class=\"_self pt-cv-readmore btn btn-success\" target=\"_self\">Ver Sentencia Completa...<\/a><\/div><\/div><\/div><\/div>\n<div class=\"col-md-12 col-sm-12 col-xs-12 pt-cv-content-item pt-cv-1-col\" ><div class='pt-cv-ifield'><a href=\"https:\/\/www.dmsjuridica.com\/buscador_20179478954\/corteconstitucionalcronologico202454587\/t-1032-05\/\" class=\"_self pt-cv-href-thumbnail pt-cv-thumb-default\" target=\"_self\" ><\/a>\n<div class=\"pt-cv-taxoterm above_title\"><a href='https:\/\/www.dmsjuridica.com\/buscador_20179478954\/corteconstitucionalcronologico202454587\/category\/buscar-en-toda-la-corte\/2005\/tutelas-2005\/' title='Tutelas 2005' class='pt-cv-tax-tutelas-2005'>Tutelas 2005<\/a><\/div>\n<h4 class=\"pt-cv-title\"><a href=\"https:\/\/www.dmsjuridica.com\/buscador_20179478954\/corteconstitucionalcronologico202454587\/t-1032-05\/\" class=\"_self\" target=\"_self\" >T-1032-05<\/a><\/h4>\n<div class=\"pt-cv-content\">\u00a0 \u00a0 Sentencia T-1032\/05 \u00a0 CARRERA JUDICIAL-Provisi\u00f3n de vacantes atendiendo lista de elegibles y estricto orden de resultados \u00a0 CARRERA JUDICIAL-Accionante estaba ocupando el primer puesto en lista de elegibles cuando se autoriz\u00f3 traslado \u00a0 CARRERA JUDICIAL-Elecci\u00f3n cuando concurre solicitud de traslado horizontal y hay lista de elegibles \u00a0 Cuando un ente nominador deba elegir entre un servidor que solicita su traslado a un cargo vacante y el aspirante que ocupa el primer lugar en el listado de candidatos conformados para proveer esa misma vacante, \u00e9ste tiene la obligaci\u00f3n de cotejar las hojas de vida de las dos personas, previo ...<br \/><div class=\"pt-cv-rmwrap\"><a href=\"https:\/\/www.dmsjuridica.com\/buscador_20179478954\/corteconstitucionalcronologico202454587\/t-1032-05\/\" class=\"_self pt-cv-readmore btn btn-success\" target=\"_self\">Ver Sentencia Completa...<\/a><\/div><\/div><\/div><\/div>\n<div class=\"col-md-12 col-sm-12 col-xs-12 pt-cv-content-item pt-cv-1-col\" ><div class='pt-cv-ifield'><a href=\"https:\/\/www.dmsjuridica.com\/buscador_20179478954\/corteconstitucionalcronologico202454587\/t-1031-05\/\" class=\"_self pt-cv-href-thumbnail pt-cv-thumb-default\" target=\"_self\" ><\/a>\n<div class=\"pt-cv-taxoterm above_title\"><a href='https:\/\/www.dmsjuridica.com\/buscador_20179478954\/corteconstitucionalcronologico202454587\/category\/buscar-en-toda-la-corte\/2005\/tutelas-2005\/' title='Tutelas 2005' class='pt-cv-tax-tutelas-2005'>Tutelas 2005<\/a><\/div>\n<h4 class=\"pt-cv-title\"><a href=\"https:\/\/www.dmsjuridica.com\/buscador_20179478954\/corteconstitucionalcronologico202454587\/t-1031-05\/\" class=\"_self\" target=\"_self\" >T-1031-05<\/a><\/h4>\n<div class=\"pt-cv-content\">\u00a0 \u00a0 Sentencia T-1031\/05 \u00a0 PROTECCION CONSTITUCIONAL A PERSONAS DISCAPACITADAS \u00a0 ESTADO-Compromiso con personas discapacitadas es doble \u00a0 De conformidad con la Constituci\u00f3n el compromiso que tiene el Estado para con las personas discapacitadas es doble: por una parte, debe abstenerse de adoptar o ejecutar cualquier medida administrativa o legislativa que lesione el principio de igualdad de trato; por otra, con el fin de garantizar la igualdad de oportunidades, debe remover todos los obst\u00e1culos que en los \u00e1mbitos normativo, econ\u00f3mico y social configuren efectivas desigualdades de hecho que se opongan al pleno disfrute de los derechos de estas personas, y ...<br \/><div class=\"pt-cv-rmwrap\"><a href=\"https:\/\/www.dmsjuridica.com\/buscador_20179478954\/corteconstitucionalcronologico202454587\/t-1031-05\/\" class=\"_self pt-cv-readmore btn btn-success\" target=\"_self\">Ver Sentencia Completa...<\/a><\/div><\/div><\/div><\/div>\n<div class=\"col-md-12 col-sm-12 col-xs-12 pt-cv-content-item pt-cv-1-col\" ><div class='pt-cv-ifield'><a href=\"https:\/\/www.dmsjuridica.com\/buscador_20179478954\/corteconstitucionalcronologico202454587\/t-1030-05\/\" class=\"_self pt-cv-href-thumbnail pt-cv-thumb-default\" target=\"_self\" ><\/a>\n<div class=\"pt-cv-taxoterm above_title\"><a href='https:\/\/www.dmsjuridica.com\/buscador_20179478954\/corteconstitucionalcronologico202454587\/category\/buscar-en-toda-la-corte\/2005\/tutelas-2005\/' title='Tutelas 2005' class='pt-cv-tax-tutelas-2005'>Tutelas 2005<\/a><\/div>\n<h4 class=\"pt-cv-title\"><a href=\"https:\/\/www.dmsjuridica.com\/buscador_20179478954\/corteconstitucionalcronologico202454587\/t-1030-05\/\" class=\"_self\" target=\"_self\" >T-1030-05<\/a><\/h4>\n<div class=\"pt-cv-content\">\u00a0 \u00a0 Sentencia T-1030\/05 \u00a0 PROCESO DE REESTRUCTURACION ADMINISTRATIVA DE ENTIDADES DEL ESTADO-Plan de protecci\u00f3n denominado \"reten social\" \u00a0 MADRE CABEZA DE FAMILIA Y PERSONAS DISCAPACITADAS-Limitaci\u00f3n a la protecci\u00f3n reforzada fijada en la ley 813 de 2003 declarada inconstitucional por la sentencia C-991 de 2004\/PROTECCION CONSTITUCIONAL DE MADRE CABEZA DE FAMILIA Y PERSONAS DISCAPACITADAS-Vulneraci\u00f3n por establecer l\u00edmite temporal\u00a0 \u00a0 ESTABILIDAD LABORAL REFORZADA DE MADRE CABEZA DE FAMILIA-Protecci\u00f3n especial a trabajadores en condiciones de debilidad manifiesta\/MADRE CABEZA DE FAMILIA-En procesos de reforma de las entidades del Estado \u00a0 ACCION DE TUTELA PARA ASEGURAR MEDIDAS DE ESTABILIDAD LABORAL REFORZADA-Procedencia por existir vulneraci\u00f3n ...<br \/><div class=\"pt-cv-rmwrap\"><a href=\"https:\/\/www.dmsjuridica.com\/buscador_20179478954\/corteconstitucionalcronologico202454587\/t-1030-05\/\" class=\"_self pt-cv-readmore btn btn-success\" target=\"_self\">Ver Sentencia Completa...<\/a><\/div><\/div><\/div><\/div>\n<div class=\"col-md-12 col-sm-12 col-xs-12 pt-cv-content-item pt-cv-1-col\" ><div class='pt-cv-ifield'><a href=\"https:\/\/www.dmsjuridica.com\/buscador_20179478954\/corteconstitucionalcronologico202454587\/t-1029-05\/\" class=\"_self pt-cv-href-thumbnail pt-cv-thumb-default\" target=\"_self\" ><\/a>\n<div class=\"pt-cv-taxoterm above_title\"><a href='https:\/\/www.dmsjuridica.com\/buscador_20179478954\/corteconstitucionalcronologico202454587\/category\/buscar-en-toda-la-corte\/2005\/tutelas-2005\/' title='Tutelas 2005' class='pt-cv-tax-tutelas-2005'>Tutelas 2005<\/a><\/div>\n<h4 class=\"pt-cv-title\"><a href=\"https:\/\/www.dmsjuridica.com\/buscador_20179478954\/corteconstitucionalcronologico202454587\/t-1029-05\/\" class=\"_self\" target=\"_self\" >T-1029-05<\/a><\/h4>\n<div class=\"pt-cv-content\">\u00a0 \u00a0 Sentencia T-1029\/05 \u00a0 ACCION DE TUTELA CONTRA ORGANIZACIONES INTERNACIONALES\/ACCION DE TUTELA CONTRA EL PNUD\/DERECHO DE PETICION FRENTE A ORGANIZACIONES INTERNACIONALES\/DERECHO DE PETICION ANTE LA ALCALDIA DE BOGOTA-Procedencia frente a solicitud\u00a0 \u00a0 Frente a la vulneraci\u00f3n o amenaza de los derechos fundamentales por parte de organismos internacionales que gozan de inmunidades y privilegios reconocidos por instrumentos internacionales de derecho p\u00fablico, eventualmente se podr\u00eda interponer acci\u00f3n de tutela, como mecanismo de protecci\u00f3n de las garant\u00edas constitucionales conculcadas, contra el Estado colombiano, para que \u00e9ste repare la violaci\u00f3n o haga cesar el peligro, cuando ello sea posible. Ahora bien, en el ...<br \/><div class=\"pt-cv-rmwrap\"><a href=\"https:\/\/www.dmsjuridica.com\/buscador_20179478954\/corteconstitucionalcronologico202454587\/t-1029-05\/\" class=\"_self pt-cv-readmore btn btn-success\" target=\"_self\">Ver Sentencia Completa...<\/a><\/div><\/div><\/div><\/div>\n<div class=\"col-md-12 col-sm-12 col-xs-12 pt-cv-content-item pt-cv-1-col\" ><div class='pt-cv-ifield'><a href=\"https:\/\/www.dmsjuridica.com\/buscador_20179478954\/corteconstitucionalcronologico202454587\/t-1028-05\/\" class=\"_self pt-cv-href-thumbnail pt-cv-thumb-default\" target=\"_self\" ><\/a>\n<div class=\"pt-cv-taxoterm above_title\"><a href='https:\/\/www.dmsjuridica.com\/buscador_20179478954\/corteconstitucionalcronologico202454587\/category\/buscar-en-toda-la-corte\/2005\/tutelas-2005\/' title='Tutelas 2005' class='pt-cv-tax-tutelas-2005'>Tutelas 2005<\/a><\/div>\n<h4 class=\"pt-cv-title\"><a href=\"https:\/\/www.dmsjuridica.com\/buscador_20179478954\/corteconstitucionalcronologico202454587\/t-1028-05\/\" class=\"_self\" target=\"_self\" >T-1028-05<\/a><\/h4>\n<div class=\"pt-cv-content\">\u00a0 \u00a0 Sentencia T-1028\/05 \u00a0 DERECHO DE PETICION-Susceptible de ser protegido por v\u00eda de tutela. \u00a0 DERECHO DE PETICION EN MATERIA PENSIONAL-T\u00e9rminos para resolver\u00a0 \u00a0 DERECHO DE PETICION-Solicitud de pensi\u00f3n de invalidez\u00a0 \u00a0 Referencia: expediente T-1193437 \u00a0 Peticionario: Horacio Ortiz Agudelo \u00a0 Procedencia: Juzgado Veinticinco Penal del Circuito de Medell\u00edn. \u00a0 Magistrado Ponente: \u00a0 Dr. MARCO GERARDO MONROY CABRA \u00a0 Bogot\u00e1, D. C., trece (13) de octubre de dos mil cinco (2005) \u00a0 La Sala Sexta de la Corte Constitucional, integrada por los Magistrados Humberto Sierra Porto, \u00c1lvaro Tafur Galvis y Marco Gerardo Monroy Cabra, quien la preside, \u00a0en ejercicio ...<br \/><div class=\"pt-cv-rmwrap\"><a href=\"https:\/\/www.dmsjuridica.com\/buscador_20179478954\/corteconstitucionalcronologico202454587\/t-1028-05\/\" class=\"_self pt-cv-readmore btn btn-success\" target=\"_self\">Ver Sentencia Completa...<\/a><\/div><\/div><\/div><\/div>\n<div class=\"col-md-12 col-sm-12 col-xs-12 pt-cv-content-item pt-cv-1-col\" ><div class='pt-cv-ifield'><a href=\"https:\/\/www.dmsjuridica.com\/buscador_20179478954\/corteconstitucionalcronologico202454587\/t-1027-05\/\" class=\"_self pt-cv-href-thumbnail pt-cv-thumb-default\" target=\"_self\" ><\/a>\n<div class=\"pt-cv-taxoterm above_title\"><a href='https:\/\/www.dmsjuridica.com\/buscador_20179478954\/corteconstitucionalcronologico202454587\/category\/buscar-en-toda-la-corte\/2005\/tutelas-2005\/' title='Tutelas 2005' class='pt-cv-tax-tutelas-2005'>Tutelas 2005<\/a><\/div>\n<h4 class=\"pt-cv-title\"><a href=\"https:\/\/www.dmsjuridica.com\/buscador_20179478954\/corteconstitucionalcronologico202454587\/t-1027-05\/\" class=\"_self\" target=\"_self\" >T-1027-05<\/a><\/h4>\n<div class=\"pt-cv-content\">\u00a0 \u00a0 Sentencia T-1027\/05 \u00a0 DERECHO A LA SALUD-Fundamental por conexidad con la vida\/PRINCIPIO DE CONTINUIDAD EN EL SERVICIO DE SALUD \u00a0 DERECHO AL DIAGNOSTICO-Negligencia administrativa en cuanto a los ex\u00e1menes indispensables para establecer el estado de salud del paciente \u00a0 DERECHO AL DIAGNOSTICO-Es susceptible de protecci\u00f3n a trav\u00e9s de acci\u00f3n de tutela \u00a0 Referencia: expediente T-1146069 \u00a0 Acci\u00f3n de tutela instaurada por Luz Mery Restrepo Villada contra la EPS Servicio Occidental de Salud S.A. SOS. \u00a0 Dr. ALFREDO BELTR\u00c1N SIERRA. \u00a0 Bogot\u00e1, D. C., trece (13) de octubre de dos mil cinco (2005). \u00a0 La Sala Segunda de Revisi\u00f3n ...<br \/><div class=\"pt-cv-rmwrap\"><a href=\"https:\/\/www.dmsjuridica.com\/buscador_20179478954\/corteconstitucionalcronologico202454587\/t-1027-05\/\" class=\"_self pt-cv-readmore btn btn-success\" target=\"_self\">Ver Sentencia Completa...<\/a><\/div><\/div><\/div><\/div>\n<div class=\"col-md-12 col-sm-12 col-xs-12 pt-cv-content-item pt-cv-1-col\" ><div class='pt-cv-ifield'><a href=\"https:\/\/www.dmsjuridica.com\/buscador_20179478954\/corteconstitucionalcronologico202454587\/t-1026-05\/\" class=\"_self pt-cv-href-thumbnail pt-cv-thumb-default\" target=\"_self\" ><\/a>\n<div class=\"pt-cv-taxoterm above_title\"><a href='https:\/\/www.dmsjuridica.com\/buscador_20179478954\/corteconstitucionalcronologico202454587\/category\/buscar-en-toda-la-corte\/2005\/tutelas-2005\/' title='Tutelas 2005' class='pt-cv-tax-tutelas-2005'>Tutelas 2005<\/a><\/div>\n<h4 class=\"pt-cv-title\"><a href=\"https:\/\/www.dmsjuridica.com\/buscador_20179478954\/corteconstitucionalcronologico202454587\/t-1026-05\/\" class=\"_self\" target=\"_self\" >T-1026-05<\/a><\/h4>\n<div class=\"pt-cv-content\">\u00a0 \u00a0 Sentencia T-1026\/05 \u00a0 ACCION DE TUTELA CONTRA ENTIDAD PROMOTORA DE SALUD-Casos en que procede por vulneraci\u00f3n a la salud en conexidad con la vida digna \u00a0 ACCION DE TUTELA-Traslado a otra ciudad de usuario vinculado al sistema de seguridad social para realizar tratamiento m\u00e9dico \u00a0 Referencia: expediente T-1145608. \u00a0 Demandante: Aureliano Mar\u00eda Pab\u00f3n Vallejo, obrando en nombre propio y en representaci\u00f3n de su hija menor Aura Mar\u00eda Pab\u00f3n Mendoza. \u00a0 Demandado: Caprecom E.P.S. A.R.S.\u00a0 \u00a0 Magistrado Ponente:\u00a0 \u00a0 Dr. RODRIGO ESCOBAR GIL. \u00a0 Bogot\u00e1, D. C., diez (10) de octubre de dos mil cinco (2005). \u00a0 La Sala ...<br \/><div class=\"pt-cv-rmwrap\"><a href=\"https:\/\/www.dmsjuridica.com\/buscador_20179478954\/corteconstitucionalcronologico202454587\/t-1026-05\/\" class=\"_self pt-cv-readmore btn btn-success\" target=\"_self\">Ver Sentencia Completa...<\/a><\/div><\/div><\/div><\/div>\n<div class=\"col-md-12 col-sm-12 col-xs-12 pt-cv-content-item pt-cv-1-col\" ><div class='pt-cv-ifield'><a href=\"https:\/\/www.dmsjuridica.com\/buscador_20179478954\/corteconstitucionalcronologico202454587\/t-1025-05\/\" class=\"_self pt-cv-href-thumbnail pt-cv-thumb-default\" target=\"_self\" ><\/a>\n<div class=\"pt-cv-taxoterm above_title\"><a href='https:\/\/www.dmsjuridica.com\/buscador_20179478954\/corteconstitucionalcronologico202454587\/category\/buscar-en-toda-la-corte\/2005\/tutelas-2005\/' title='Tutelas 2005' class='pt-cv-tax-tutelas-2005'>Tutelas 2005<\/a><\/div>\n<h4 class=\"pt-cv-title\"><a href=\"https:\/\/www.dmsjuridica.com\/buscador_20179478954\/corteconstitucionalcronologico202454587\/t-1025-05\/\" class=\"_self\" target=\"_self\" >T-1025-05<\/a><\/h4>\n<div class=\"pt-cv-content\">\u00a0 \u00a0 Sentencia T-1025\/05 \u00a0 FALTA DE LEGITIMACION EN LA CAUSA POR ACTIVA EN TUTELA-Representante de persona jur\u00eddica \u00a0 LEGITIMACION EN LA CAUSA POR ACTIVA EN TUTELA-Deben ser identificadas y determinadas las personas afectadas \u00a0 LEGITIMACION EN LA CAUSA POR ACTIVA EN TUTELA-Asociaciones de pensionados deben reclamar individualmente la protecci\u00f3n de sus derechos fundamentales\u00a0 \u00a0 En principio y salvo que en los estatutos de la respectiva Asociaci\u00f3n estuviese prevista la facultad para representar judicialmente a sus miembros o que espec\u00edficamente la Asamblea adoptase la decisi\u00f3n de facultar al representante legal para actuar judicialmente en beneficio de los asociados, caso en ...<br \/><div class=\"pt-cv-rmwrap\"><a href=\"https:\/\/www.dmsjuridica.com\/buscador_20179478954\/corteconstitucionalcronologico202454587\/t-1025-05\/\" class=\"_self pt-cv-readmore btn btn-success\" target=\"_self\">Ver Sentencia Completa...<\/a><\/div><\/div><\/div><\/div>\n<div class=\"col-md-12 col-sm-12 col-xs-12 pt-cv-content-item pt-cv-1-col\" ><div class='pt-cv-ifield'><a href=\"https:\/\/www.dmsjuridica.com\/buscador_20179478954\/corteconstitucionalcronologico202454587\/t-1024-05\/\" class=\"_self pt-cv-href-thumbnail pt-cv-thumb-default\" target=\"_self\" ><\/a>\n<div class=\"pt-cv-taxoterm above_title\"><a href='https:\/\/www.dmsjuridica.com\/buscador_20179478954\/corteconstitucionalcronologico202454587\/category\/buscar-en-toda-la-corte\/2005\/tutelas-2005\/' title='Tutelas 2005' class='pt-cv-tax-tutelas-2005'>Tutelas 2005<\/a><\/div>\n<h4 class=\"pt-cv-title\"><a href=\"https:\/\/www.dmsjuridica.com\/buscador_20179478954\/corteconstitucionalcronologico202454587\/t-1024-05\/\" class=\"_self\" target=\"_self\" >T-1024-05<\/a><\/h4>\n<div class=\"pt-cv-content\">\u00a0 \u00a0 Sentencia T-1024\/05 \u00a0 FUTBOL PROFESIONAL-Organizaci\u00f3n y ubicaci\u00f3n dentro del ordenamiento constitucional \u00a0 DERECHOS DEPORTIVOS-Reglas y subreglas que se aplican\u00a0 \u00a0 DERECHOS DEPORTIVOS-L\u00edmites constitucionales \u00a0 DERECHOS DEPORTIVOS-Titularidad en jugadores \u00a0 La nueva interpretaci\u00f3n sobre los derechos deportivos de los jugadores, surgida como consecuencia del juicio de constitucionalidad adelantado al art\u00edculo 34 de la ley 181 de 1995, permite concluir que \u00e9stos deben ser titulares de sus derechos deportivos cuando cese la relaci\u00f3n laboral con el club deportivo y el mismo no le ofrece un nuevo contrato laboral o autoriza su transferencia a otro club. En estos supuestos, el club ...<br \/><div class=\"pt-cv-rmwrap\"><a href=\"https:\/\/www.dmsjuridica.com\/buscador_20179478954\/corteconstitucionalcronologico202454587\/t-1024-05\/\" class=\"_self pt-cv-readmore btn btn-success\" target=\"_self\">Ver Sentencia Completa...<\/a><\/div><\/div><\/div><\/div>\n<div class=\"col-md-12 col-sm-12 col-xs-12 pt-cv-content-item pt-cv-1-col\" ><div class='pt-cv-ifield'><a href=\"https:\/\/www.dmsjuridica.com\/buscador_20179478954\/corteconstitucionalcronologico202454587\/t-1023-05\/\" class=\"_self pt-cv-href-thumbnail pt-cv-thumb-default\" target=\"_self\" ><\/a>\n<div class=\"pt-cv-taxoterm above_title\"><a href='https:\/\/www.dmsjuridica.com\/buscador_20179478954\/corteconstitucionalcronologico202454587\/category\/buscar-en-toda-la-corte\/2005\/tutelas-2005\/' title='Tutelas 2005' class='pt-cv-tax-tutelas-2005'>Tutelas 2005<\/a><\/div>\n<h4 class=\"pt-cv-title\"><a href=\"https:\/\/www.dmsjuridica.com\/buscador_20179478954\/corteconstitucionalcronologico202454587\/t-1023-05\/\" class=\"_self\" target=\"_self\" >T-1023-05<\/a><\/h4>\n<div class=\"pt-cv-content\">\u00a0 \u00a0 Sentencia T-1023\/05 \u00a0 PROCESO POLICIVO-Procedencia excepcional de la tutela si afectado no dispone de otro medio de defensa y que actuaci\u00f3n haya incurrido en v\u00eda de hecho \u00a0 En el asunto sub-examine se observa que la decisi\u00f3n adoptada en el proceso policivo ya se encuentra ejecutoriada y en estas circunstancias la accionante no cuenta con otro mecanismo judicial distinto para controvertir la decisi\u00f3n que le afecta. No obstante, habr\u00e1 de analizarse si la causa que impide ejercer otro mecanismo de defensa est\u00e1 determinada porque la ley no lo prevea o porque, previsto, se hubiera agotado infructuosamente o porque ...<br \/><div class=\"pt-cv-rmwrap\"><a href=\"https:\/\/www.dmsjuridica.com\/buscador_20179478954\/corteconstitucionalcronologico202454587\/t-1023-05\/\" class=\"_self pt-cv-readmore btn btn-success\" target=\"_self\">Ver Sentencia Completa...<\/a><\/div><\/div><\/div><\/div>\n<div class=\"col-md-12 col-sm-12 col-xs-12 pt-cv-content-item pt-cv-1-col\" ><div class='pt-cv-ifield'><a href=\"https:\/\/www.dmsjuridica.com\/buscador_20179478954\/corteconstitucionalcronologico202454587\/t-1022-05\/\" class=\"_self pt-cv-href-thumbnail pt-cv-thumb-default\" target=\"_self\" ><\/a>\n<div class=\"pt-cv-taxoterm above_title\"><a href='https:\/\/www.dmsjuridica.com\/buscador_20179478954\/corteconstitucionalcronologico202454587\/category\/buscar-en-toda-la-corte\/2005\/tutelas-2005\/' title='Tutelas 2005' class='pt-cv-tax-tutelas-2005'>Tutelas 2005<\/a><\/div>\n<h4 class=\"pt-cv-title\"><a href=\"https:\/\/www.dmsjuridica.com\/buscador_20179478954\/corteconstitucionalcronologico202454587\/t-1022-05\/\" class=\"_self\" target=\"_self\" >T-1022-05<\/a><\/h4>\n<div class=\"pt-cv-content\">\u00a0 \u00a0 Sentencia T-1022\/05 \u00a0 DERECHO A LA SALUD-Suministro de medicamentos \u00a0 Reiteraci\u00f3n de Jurisprudencia \u00a0 Referencia: expediente T-1175369 \u00a0 Acci\u00f3n de tutela instaurada por Gilberto Hern\u00e1ndez Leal contra Sanitas E.P.S.\u00a0 \u00a0 Magistrado Ponente: \u00a0 Dr. MANUEL JOS\u00c9 CEPEDA ESPINOSA \u00a0 Bogot\u00e1, D. C., siete (7) d\u00edas de octubre de dos mil cinco (2005). \u00a0 Teniendo en cuenta que el problema jur\u00eddico que suscita la presente acci\u00f3n de tutela ya ha sido objeto de otros pronunciamientos por parte de esta Corporaci\u00f3n, la Sala Tercera de Revisi\u00f3n de la Corte Constitucional decide reiterar lo dispuesto por la jurisprudencia para este tipo ...<br \/><div class=\"pt-cv-rmwrap\"><a href=\"https:\/\/www.dmsjuridica.com\/buscador_20179478954\/corteconstitucionalcronologico202454587\/t-1022-05\/\" class=\"_self pt-cv-readmore btn btn-success\" target=\"_self\">Ver Sentencia Completa...<\/a><\/div><\/div><\/div><\/div>\n<div class=\"col-md-12 col-sm-12 col-xs-12 pt-cv-content-item pt-cv-1-col\" ><div class='pt-cv-ifield'><a href=\"https:\/\/www.dmsjuridica.com\/buscador_20179478954\/corteconstitucionalcronologico202454587\/t-1021-05\/\" class=\"_self pt-cv-href-thumbnail pt-cv-thumb-default\" target=\"_self\" ><\/a>\n<div class=\"pt-cv-taxoterm above_title\"><a href='https:\/\/www.dmsjuridica.com\/buscador_20179478954\/corteconstitucionalcronologico202454587\/category\/buscar-en-toda-la-corte\/2005\/tutelas-2005\/' title='Tutelas 2005' class='pt-cv-tax-tutelas-2005'>Tutelas 2005<\/a><\/div>\n<h4 class=\"pt-cv-title\"><a href=\"https:\/\/www.dmsjuridica.com\/buscador_20179478954\/corteconstitucionalcronologico202454587\/t-1021-05\/\" class=\"_self\" target=\"_self\" >T-1021-05<\/a><\/h4>\n<div class=\"pt-cv-content\">\u00a0 \u00a0 Sentencia T-1021\/05 \u00a0 ACCION DE TUTELA CONTRA PROVIDENCIAS JUDICIALES POR VIA DE HECHO-Procedencia excepcional\u00a0 \u00a0 ACCION DE TUTELA CONTRA PROVIDENCIAS JUDICIALES POR VIA DE HECHO-Clases de defectos \u00a0 PRINCIPIO DE INMEDIATEZ-Criterio de procedencia de la acci\u00f3n de tutela \u00a0 EMPLEADOS DEL INSTITUTO NACIONAL PENITENCIARIO Y CARCELARIO-Retiro del servicio por razones de conveniencia\/DERECHO DE DEFENSA ANTE JUNTA DE CARRERA PENITENCIARIA \u00a0 Referencia: expediente T-1141894. \u00a0 Magistrado Ponente: \u00a0 Dr. JAIME ARA\u00daJO RENTER\u00cdA \u00a0 Bogot\u00e1 D. C., siete ( 7 ) de octubre de dos mil cinco (2005). \u00a0 La Sala Primera de Revisi\u00f3n de la Corte Constitucional, integrada por ...<br \/><div class=\"pt-cv-rmwrap\"><a href=\"https:\/\/www.dmsjuridica.com\/buscador_20179478954\/corteconstitucionalcronologico202454587\/t-1021-05\/\" class=\"_self pt-cv-readmore btn btn-success\" target=\"_self\">Ver Sentencia Completa...<\/a><\/div><\/div><\/div><\/div>\n<div class=\"col-md-12 col-sm-12 col-xs-12 pt-cv-content-item pt-cv-1-col\" ><div class='pt-cv-ifield'><a href=\"https:\/\/www.dmsjuridica.com\/buscador_20179478954\/corteconstitucionalcronologico202454587\/t-1020-05\/\" class=\"_self pt-cv-href-thumbnail pt-cv-thumb-default\" target=\"_self\" ><\/a>\n<div class=\"pt-cv-taxoterm above_title\"><a href='https:\/\/www.dmsjuridica.com\/buscador_20179478954\/corteconstitucionalcronologico202454587\/category\/buscar-en-toda-la-corte\/2005\/tutelas-2005\/' title='Tutelas 2005' class='pt-cv-tax-tutelas-2005'>Tutelas 2005<\/a><\/div>\n<h4 class=\"pt-cv-title\"><a href=\"https:\/\/www.dmsjuridica.com\/buscador_20179478954\/corteconstitucionalcronologico202454587\/t-1020-05\/\" class=\"_self\" target=\"_self\" >T-1020-05<\/a><\/h4>\n<div class=\"pt-cv-content\">\u00a0 \u00a0 Sentencia T-1020\/05 \u00a0 PERSONERO MUNICIPAL-Legitimaci\u00f3n para interponer tutela \u00a0 LICENCIA DE MATERNIDAD-Naturaleza \u00a0 LICENCIA DE MATERNIDAD-Pago por allanamiento a la mora por EPS cuando se trata de trabajadora independiente\/LICENCIA DE MATERNIDAD-Requisitos para el pago en caso de trabajadoras independientes \u00a0 LICENCIA DE MATERNIDAD-T\u00e9rmino hasta de un a\u00f1o despu\u00e9s del nacimiento del ni\u00f1o para reclamar por tutela \u00a0 Referencia: expediente T-1140078 \u00a0 Acci\u00f3n de tutela instaurada por Ramiro Vargas Mu\u00f1oz en calidad de Personero Municipal de Envigado actuando en representaci\u00f3n de la se\u00f1ora Marta Isabel R\u00edos S\u00e1nchez contra la EPS COOMEVA Seccional Medell\u00edn. \u00a0 Magistrada Ponente: \u00a0 Dra. CLARA ...<br \/><div class=\"pt-cv-rmwrap\"><a href=\"https:\/\/www.dmsjuridica.com\/buscador_20179478954\/corteconstitucionalcronologico202454587\/t-1020-05\/\" class=\"_self pt-cv-readmore btn btn-success\" target=\"_self\">Ver Sentencia Completa...<\/a><\/div><\/div><\/div><\/div>\n<div class=\"col-md-12 col-sm-12 col-xs-12 pt-cv-content-item pt-cv-1-col\" ><div class='pt-cv-ifield'><a href=\"https:\/\/www.dmsjuridica.com\/buscador_20179478954\/corteconstitucionalcronologico202454587\/t-1019-05\/\" class=\"_self pt-cv-href-thumbnail pt-cv-thumb-default\" target=\"_self\" ><\/a>\n<div class=\"pt-cv-taxoterm above_title\"><a href='https:\/\/www.dmsjuridica.com\/buscador_20179478954\/corteconstitucionalcronologico202454587\/category\/buscar-en-toda-la-corte\/2005\/tutelas-2005\/' title='Tutelas 2005' class='pt-cv-tax-tutelas-2005'>Tutelas 2005<\/a><\/div>\n<h4 class=\"pt-cv-title\"><a href=\"https:\/\/www.dmsjuridica.com\/buscador_20179478954\/corteconstitucionalcronologico202454587\/t-1019-05\/\" class=\"_self\" target=\"_self\" >T-1019-05<\/a><\/h4>\n<div class=\"pt-cv-content\">\u00a0 \u00a0 Sentencia T-1019\/05 \u00a0 LICENCIA DE MATERNIDAD-Naturaleza \u00a0 LICENCIA DE MATERNIDAD- Pago por allanamiento a la mora por EPS \u00a0 LICENCIA DE MATERNIDAD-T\u00e9rmino hasta de un a\u00f1o despu\u00e9s del nacimiento del ni\u00f1o para reclamar por tutela \u00a0 Acci\u00f3n de tutela interpuesta por Martha Cecilia Rinc\u00f3n Guerrero contra COOMEVA E.P.S. \u00a0 Magistrada Ponente: \u00a0 Dra. CLARA INES VARGAS HERNANDEZ \u00a0 Bogot\u00e1, D. C., \u00a0seis (6) de octubre del dos mil cinco (2005) \u00a0 \u00a0 La Sala Novena de Revisi\u00f3n de la Corte Constitucional, integrada por los Magistrados CLARA IN\u00c9S VARGAS HERN\u00c1NDEZ, JAIME ARA\u00daJO RENTER\u00cdA y ALFREDO BELTR\u00c1N SIERRA, en ejercicio ...<br \/><div class=\"pt-cv-rmwrap\"><a href=\"https:\/\/www.dmsjuridica.com\/buscador_20179478954\/corteconstitucionalcronologico202454587\/t-1019-05\/\" class=\"_self pt-cv-readmore btn btn-success\" target=\"_self\">Ver Sentencia Completa...<\/a><\/div><\/div><\/div><\/div>\n<div class=\"col-md-12 col-sm-12 col-xs-12 pt-cv-content-item pt-cv-1-col\" ><div class='pt-cv-ifield'><a href=\"https:\/\/www.dmsjuridica.com\/buscador_20179478954\/corteconstitucionalcronologico202454587\/t-1018-05\/\" class=\"_self pt-cv-href-thumbnail pt-cv-thumb-default\" target=\"_self\" ><\/a>\n<div class=\"pt-cv-taxoterm above_title\"><a href='https:\/\/www.dmsjuridica.com\/buscador_20179478954\/corteconstitucionalcronologico202454587\/category\/buscar-en-toda-la-corte\/2005\/tutelas-2005\/' title='Tutelas 2005' class='pt-cv-tax-tutelas-2005'>Tutelas 2005<\/a><\/div>\n<h4 class=\"pt-cv-title\"><a href=\"https:\/\/www.dmsjuridica.com\/buscador_20179478954\/corteconstitucionalcronologico202454587\/t-1018-05\/\" class=\"_self\" target=\"_self\" >T-1018-05<\/a><\/h4>\n<div class=\"pt-cv-content\">\u00a0 \u00a0 Sentencia T-1018\/05 \u00a0 ACCION DE TUTELA CONTRA PROVIDENCIAS JUDICIALES-Procedencia excepcional por v\u00eda de hecho\u00a0 \u00a0 VIA DE HECHO-Defecto sustantivo \u00a0 \u00a0 Referencia: expediente T-1118599 \u00a0 Acci\u00f3n de tutela instaurada por Beatriz del Socorro Mesa de Acevedo contra la Sala Quinta Civil de Decisi\u00f3n del Tribunal Superior del Distrito Judicial de Medell\u00edn. \u00a0 Magistrada Ponente: \u00a0 Dra. CLARA IN\u00c9S VARGAS HERN\u00c1NDEZ \u00a0 Bogot\u00e1, D. C., seis (6) de octubre de dos mil cinco (2005). \u00a0 La Sala Novena de Revisi\u00f3n de la Corte Constitucional, integrada por los Magistrados CLARA IN\u00c9S VARGAS HERN\u00c1NDEZ, JAIME ARA\u00daJO RENTER\u00cdA y ALFREDO BELTR\u00c1N SIERRA, ...<br \/><div class=\"pt-cv-rmwrap\"><a href=\"https:\/\/www.dmsjuridica.com\/buscador_20179478954\/corteconstitucionalcronologico202454587\/t-1018-05\/\" class=\"_self pt-cv-readmore btn btn-success\" target=\"_self\">Ver Sentencia Completa...<\/a><\/div><\/div><\/div><\/div>\n<div class=\"col-md-12 col-sm-12 col-xs-12 pt-cv-content-item pt-cv-1-col\" ><div class='pt-cv-ifield'><a href=\"https:\/\/www.dmsjuridica.com\/buscador_20179478954\/corteconstitucionalcronologico202454587\/t-1017-05\/\" class=\"_self pt-cv-href-thumbnail pt-cv-thumb-default\" target=\"_self\" ><\/a>\n<div class=\"pt-cv-taxoterm above_title\"><a href='https:\/\/www.dmsjuridica.com\/buscador_20179478954\/corteconstitucionalcronologico202454587\/category\/buscar-en-toda-la-corte\/2005\/tutelas-2005\/' title='Tutelas 2005' class='pt-cv-tax-tutelas-2005'>Tutelas 2005<\/a><\/div>\n<h4 class=\"pt-cv-title\"><a href=\"https:\/\/www.dmsjuridica.com\/buscador_20179478954\/corteconstitucionalcronologico202454587\/t-1017-05\/\" class=\"_self\" target=\"_self\" >T-1017-05<\/a><\/h4>\n<div class=\"pt-cv-content\">LICENCIA DE MATERNIDAD-Lineamientos que han determinado concederla por tutela \u00a0 LICENCIA DE MATERNIDAD-Pago por allanamiento a la mora por EPS \u00a0 LICENCIA DE MATERNIDAD-Naturaleza \u00a0 Referencia: expediente T-1158450\u00a0 \u00a0 Peticionario: Dilia Celina Contreras Cantillo \u00a0 Procedencia: Juzgado \u00danico Civil Municipal de Fundaci\u00f3n Magdalena. \u00a0 Magistrado Ponente:\u00a0 \u00a0 Dr. MARCO GERARDO MONROY CABRA \u00a0 Bogot\u00e1 D. C., seis (6) de octubre de dos mil cinco (2005) \u00a0 La Sala Sexta de Revisi\u00f3n de tutelas de la Corte Constitucional, conformada por los magistrados Marco Gerardo Monroy Cabra \u2013quien la preside-, Humberto Antonio Sierra Porto y \u00c1lvaro Tafur Galvis, ha proferido la presente ...<br \/><div class=\"pt-cv-rmwrap\"><a href=\"https:\/\/www.dmsjuridica.com\/buscador_20179478954\/corteconstitucionalcronologico202454587\/t-1017-05\/\" class=\"_self pt-cv-readmore btn btn-success\" target=\"_self\">Ver Sentencia Completa...<\/a><\/div><\/div><\/div><\/div>\n<div class=\"col-md-12 col-sm-12 col-xs-12 pt-cv-content-item pt-cv-1-col\" ><div class='pt-cv-ifield'><a href=\"https:\/\/www.dmsjuridica.com\/buscador_20179478954\/corteconstitucionalcronologico202454587\/t-1016-05\/\" class=\"_self pt-cv-href-thumbnail pt-cv-thumb-default\" target=\"_self\" ><\/a>\n<div class=\"pt-cv-taxoterm above_title\"><a href='https:\/\/www.dmsjuridica.com\/buscador_20179478954\/corteconstitucionalcronologico202454587\/category\/buscar-en-toda-la-corte\/2005\/tutelas-2005\/' title='Tutelas 2005' class='pt-cv-tax-tutelas-2005'>Tutelas 2005<\/a><\/div>\n<h4 class=\"pt-cv-title\"><a href=\"https:\/\/www.dmsjuridica.com\/buscador_20179478954\/corteconstitucionalcronologico202454587\/t-1016-05\/\" class=\"_self\" target=\"_self\" >T-1016-05<\/a><\/h4>\n<div class=\"pt-cv-content\">DERECHO A LA SALUD DE PERSONA DE LA TERCERA EDAD-Suministro de ox\u00edgeno por ARS \u00a0 En el presente caso est\u00e1 establecido que la falta del ox\u00edgeno domiciliario le ocasiona asfixia permanente a la petente, lo cual afecta su derecho a la vida en condiciones dignas, que se tata de un servicio que no puede ser substituido por otro, pues no resulta razonable el traslado permanente de la paciente al hospital para el suministro del ox\u00edgeno, que se trata de una persona de escasos recursos que no tiene ninguna fuente de ingresos y que depende de su familia la que tampoco ...<br \/><div class=\"pt-cv-rmwrap\"><a href=\"https:\/\/www.dmsjuridica.com\/buscador_20179478954\/corteconstitucionalcronologico202454587\/t-1016-05\/\" class=\"_self pt-cv-readmore btn btn-success\" target=\"_self\">Ver Sentencia Completa...<\/a><\/div><\/div><\/div><\/div>\n<div class=\"col-md-12 col-sm-12 col-xs-12 pt-cv-content-item pt-cv-1-col\" ><div class='pt-cv-ifield'><a href=\"https:\/\/www.dmsjuridica.com\/buscador_20179478954\/corteconstitucionalcronologico202454587\/t-1015-05\/\" class=\"_self pt-cv-href-thumbnail pt-cv-thumb-default\" target=\"_self\" ><\/a>\n<div class=\"pt-cv-taxoterm above_title\"><a href='https:\/\/www.dmsjuridica.com\/buscador_20179478954\/corteconstitucionalcronologico202454587\/category\/buscar-en-toda-la-corte\/2005\/tutelas-2005\/' title='Tutelas 2005' class='pt-cv-tax-tutelas-2005'>Tutelas 2005<\/a><\/div>\n<h4 class=\"pt-cv-title\"><a href=\"https:\/\/www.dmsjuridica.com\/buscador_20179478954\/corteconstitucionalcronologico202454587\/t-1015-05\/\" class=\"_self\" target=\"_self\" >T-1015-05<\/a><\/h4>\n<div class=\"pt-cv-content\">\u00a0 \u00a0 Sentencia T-1015\/05 \u00a0 ACCION DE TUTELA CONTRA ACTO ADMINISTRATIVO-Procedencia excepcional \u00a0 DERECHOS FUNDAMENTALES DE MENOR DISCAPACITADO-Desconocimiento de los consagrados en Constituci\u00f3n y de los que hacen parte del bloque de constitucionalidad \u00a0 DERECHO A LA IGUALDAD DEL MENOR \u00a0 EXCEPCION DE INCONSTITUCIONALIDAD-Opera en los casos en que se observe incompatibilidad jur\u00eddica que hace imposible aplicaci\u00f3n de la norma y de la Constituci\u00f3n \u00a0 La excepci\u00f3n de inconstitucionalidad opera en los casos en que el operador jur\u00eddico observe una incompatibilidad tal, que resulte imposible la aplicaci\u00f3n de la norma jur\u00eddica y la Constituci\u00f3n. Sin embargo, es necesario tener en ...<br \/><div class=\"pt-cv-rmwrap\"><a href=\"https:\/\/www.dmsjuridica.com\/buscador_20179478954\/corteconstitucionalcronologico202454587\/t-1015-05\/\" class=\"_self pt-cv-readmore btn btn-success\" target=\"_self\">Ver Sentencia Completa...<\/a><\/div><\/div><\/div><\/div>\n<div class=\"col-md-12 col-sm-12 col-xs-12 pt-cv-content-item pt-cv-1-col\" ><div class='pt-cv-ifield'><a href=\"https:\/\/www.dmsjuridica.com\/buscador_20179478954\/corteconstitucionalcronologico202454587\/t-1014-05\/\" class=\"_self pt-cv-href-thumbnail pt-cv-thumb-default\" target=\"_self\" ><\/a>\n<div class=\"pt-cv-taxoterm above_title\"><a href='https:\/\/www.dmsjuridica.com\/buscador_20179478954\/corteconstitucionalcronologico202454587\/category\/buscar-en-toda-la-corte\/2005\/tutelas-2005\/' title='Tutelas 2005' class='pt-cv-tax-tutelas-2005'>Tutelas 2005<\/a><\/div>\n<h4 class=\"pt-cv-title\"><a href=\"https:\/\/www.dmsjuridica.com\/buscador_20179478954\/corteconstitucionalcronologico202454587\/t-1014-05\/\" class=\"_self\" target=\"_self\" >T-1014-05<\/a><\/h4>\n<div class=\"pt-cv-content\">\u00a0 \u00a0 Sentencia T-1014\/05 \u00a0 DERECHO AL DIAGNOSTICO \u00a0 DERECHO A LA SEGURIDAD SOCIAL INTEGRAL Y A LA ASIGNACI\u00d3N DE ARS \u00a0 DERECHO A LA SALUD DE PERSONA DISMINUIDA FISICAMENTE-Secretar\u00eda de Salud no puede aducir que no hay contrato vigente para pr\u00e1ctica de ex\u00e1menes\/DERECHO A LA SALUD DE PERSONA DISMINUIDA FISICAMENTE-Caso en que la orden m\u00e9dica se venci\u00f3 por la demora de Secretar\u00eda de Salud en ordenar ex\u00e1menes \u00a0 La situaci\u00f3n descrita convierte la protecci\u00f3n del actor en un caso de urgencia, debido al estado de salud en el que se encuentra, de manera que el condicionamiento de la Secretaria ...<br \/><div class=\"pt-cv-rmwrap\"><a href=\"https:\/\/www.dmsjuridica.com\/buscador_20179478954\/corteconstitucionalcronologico202454587\/t-1014-05\/\" class=\"_self pt-cv-readmore btn btn-success\" target=\"_self\">Ver Sentencia Completa...<\/a><\/div><\/div><\/div><\/div>\n<div class=\"col-md-12 col-sm-12 col-xs-12 pt-cv-content-item pt-cv-1-col\" ><div class='pt-cv-ifield'><a href=\"https:\/\/www.dmsjuridica.com\/buscador_20179478954\/corteconstitucionalcronologico202454587\/t-1013-05\/\" class=\"_self pt-cv-href-thumbnail pt-cv-thumb-default\" target=\"_self\" ><\/a>\n<div class=\"pt-cv-taxoterm above_title\"><a href='https:\/\/www.dmsjuridica.com\/buscador_20179478954\/corteconstitucionalcronologico202454587\/category\/buscar-en-toda-la-corte\/2005\/tutelas-2005\/' title='Tutelas 2005' class='pt-cv-tax-tutelas-2005'>Tutelas 2005<\/a><\/div>\n<h4 class=\"pt-cv-title\"><a href=\"https:\/\/www.dmsjuridica.com\/buscador_20179478954\/corteconstitucionalcronologico202454587\/t-1013-05\/\" class=\"_self\" target=\"_self\" >T-1013-05<\/a><\/h4>\n<div class=\"pt-cv-content\">\u00a0 \u00a0 Sentencia T-1013\/05 \u00a0 DERECHO A LA SALUD DEL INTERNO-No se ha vulnerado por cuanto ha sido atendido \u00a0 Esta Sala de Revisi\u00f3n concluye, tal como lo estim\u00f3 el Juzgado de conocimiento, que al actor no se le ha vulnerado el derecho a la salud, dado que se le ha suministrado la atenci\u00f3n m\u00e9dica que ha requerido y los medicamentos formulados, como se desprende del documento remitido a esta Corporaci\u00f3n v\u00eda fax, as\u00ed como del escrito de contestaci\u00f3n de la tutela. \u00a0 Referencia: expediente T-1146392 \u00a0 Acci\u00f3n de tutela instaurada por el se\u00f1or V\u00edctor Alfredo Acevedo Mar\u00edn contra Director ...<br \/><div class=\"pt-cv-rmwrap\"><a href=\"https:\/\/www.dmsjuridica.com\/buscador_20179478954\/corteconstitucionalcronologico202454587\/t-1013-05\/\" class=\"_self pt-cv-readmore btn btn-success\" target=\"_self\">Ver Sentencia Completa...<\/a><\/div><\/div><\/div><\/div>\n<div class=\"col-md-12 col-sm-12 col-xs-12 pt-cv-content-item pt-cv-1-col\" ><div class='pt-cv-ifield'><a href=\"https:\/\/www.dmsjuridica.com\/buscador_20179478954\/corteconstitucionalcronologico202454587\/t-1012-05\/\" class=\"_self pt-cv-href-thumbnail pt-cv-thumb-default\" target=\"_self\" ><\/a>\n<div class=\"pt-cv-taxoterm above_title\"><a href='https:\/\/www.dmsjuridica.com\/buscador_20179478954\/corteconstitucionalcronologico202454587\/category\/buscar-en-toda-la-corte\/2005\/tutelas-2005\/' title='Tutelas 2005' class='pt-cv-tax-tutelas-2005'>Tutelas 2005<\/a><\/div>\n<h4 class=\"pt-cv-title\"><a href=\"https:\/\/www.dmsjuridica.com\/buscador_20179478954\/corteconstitucionalcronologico202454587\/t-1012-05\/\" class=\"_self\" target=\"_self\" >T-1012-05<\/a><\/h4>\n<div class=\"pt-cv-content\">\u00a0 \u00a0 Sentencia T-1012\/05 \u00a0 CONTRATO DE MEDICINA PREPAGADA-Naturaleza jur\u00eddica \u00a0 La Corte ha indicado que las relaciones jur\u00eddicas que se generan entre los afiliados y las empresas de medicina prepagada, a pesar de estar enmarcadas dentro de las normas que rigen el Sistema General de Seguridad Social en Salud, se originan en la libre voluntad de los afiliados, quienes deciden contratar los servicios de un plan de medicina prepagada para mejorar la calidad de los servicios de salud que reciben, raz\u00f3n por la cual se rigen por el derecho privado. De esta manera, mientras la relaci\u00f3n entre una E.P.S ...<br \/><div class=\"pt-cv-rmwrap\"><a href=\"https:\/\/www.dmsjuridica.com\/buscador_20179478954\/corteconstitucionalcronologico202454587\/t-1012-05\/\" class=\"_self pt-cv-readmore btn btn-success\" target=\"_self\">Ver Sentencia Completa...<\/a><\/div><\/div><\/div><\/div>\n<div class=\"col-md-12 col-sm-12 col-xs-12 pt-cv-content-item pt-cv-1-col\" ><div class='pt-cv-ifield'><a href=\"https:\/\/www.dmsjuridica.com\/buscador_20179478954\/corteconstitucionalcronologico202454587\/t-1011-05\/\" class=\"_self pt-cv-href-thumbnail pt-cv-thumb-default\" target=\"_self\" ><\/a>\n<div class=\"pt-cv-taxoterm above_title\"><a href='https:\/\/www.dmsjuridica.com\/buscador_20179478954\/corteconstitucionalcronologico202454587\/category\/buscar-en-toda-la-corte\/2005\/tutelas-2005\/' title='Tutelas 2005' class='pt-cv-tax-tutelas-2005'>Tutelas 2005<\/a><\/div>\n<h4 class=\"pt-cv-title\"><a href=\"https:\/\/www.dmsjuridica.com\/buscador_20179478954\/corteconstitucionalcronologico202454587\/t-1011-05\/\" class=\"_self\" target=\"_self\" >T-1011-05<\/a><\/h4>\n<div class=\"pt-cv-content\">\u00a0 \u00a0 Sentencia T-1011\/05 \u00a0 ACCION DE TUTELA-Procedencia excepcional para resolver conflictos relacionados con reconocimiento de prestaciones sociales \u00a0 BONOS PENSIONALES-Las entidades deben ser diligentes en su reconocimiento de lo contrario se vulnerar\u00edan los derechos del interesado \u00a0 BONOS PENSIONALES-Las entidades no pueden excusarse en la falta de expedici\u00f3n para no reconocer la pensi\u00f3n correspondiente\u00a0 \u00a0 ENTIDAD ADMINISTRADORA DE PENSIONES-Obligaci\u00f3n de Reconocimiento y pago de pensi\u00f3n de invalidez \u00a0 Las normas existentes sobre pensi\u00f3n de invalidez por riesgo com\u00fan no prev\u00e9n una condici\u00f3n o limitante a la entidad administradora de pensiones, para que omita el deber legal que le corresponde ...<br \/><div class=\"pt-cv-rmwrap\"><a href=\"https:\/\/www.dmsjuridica.com\/buscador_20179478954\/corteconstitucionalcronologico202454587\/t-1011-05\/\" class=\"_self pt-cv-readmore btn btn-success\" target=\"_self\">Ver Sentencia Completa...<\/a><\/div><\/div><\/div><\/div>\n<div class=\"col-md-12 col-sm-12 col-xs-12 pt-cv-content-item pt-cv-1-col\" ><div class='pt-cv-ifield'><a href=\"https:\/\/www.dmsjuridica.com\/buscador_20179478954\/corteconstitucionalcronologico202454587\/t-1010-05\/\" class=\"_self pt-cv-href-thumbnail pt-cv-thumb-default\" target=\"_self\" ><\/a>\n<div class=\"pt-cv-taxoterm above_title\"><a href='https:\/\/www.dmsjuridica.com\/buscador_20179478954\/corteconstitucionalcronologico202454587\/category\/buscar-en-toda-la-corte\/2005\/tutelas-2005\/' title='Tutelas 2005' class='pt-cv-tax-tutelas-2005'>Tutelas 2005<\/a><\/div>\n<h4 class=\"pt-cv-title\"><a href=\"https:\/\/www.dmsjuridica.com\/buscador_20179478954\/corteconstitucionalcronologico202454587\/t-1010-05\/\" class=\"_self\" target=\"_self\" >T-1010-05<\/a><\/h4>\n<div class=\"pt-cv-content\">\u00a0 \u00a0 Sentencia T-1010\/05 \u00a0 DERECHO A LA SALUD DE PERSONA DE LA TERCERA EDAD-ARS debe brindar servicio que no se encuentra previsto en POS-S \u00a0 Le corresponde a la ARS brindar el servicio requerido que no se encuentra en el POS-S, dado que, las ARS tienen la responsabilidad de garantizar de manera preferente y especial, la atenci\u00f3n de sus afiliados y la continuidad en la prestaci\u00f3n del servicio p\u00fablico de salud, en los eventos en que la protecci\u00f3n de los derechos fundamentales sea imperiosa, lo anterior atendiendo la gravedad de la enfermedad y la necesidad de garantizar la continuidad ...<br \/><div class=\"pt-cv-rmwrap\"><a href=\"https:\/\/www.dmsjuridica.com\/buscador_20179478954\/corteconstitucionalcronologico202454587\/t-1010-05\/\" class=\"_self pt-cv-readmore btn btn-success\" target=\"_self\">Ver Sentencia Completa...<\/a><\/div><\/div><\/div><\/div>\n<div class=\"col-md-12 col-sm-12 col-xs-12 pt-cv-content-item pt-cv-1-col\" ><div class='pt-cv-ifield'><a href=\"https:\/\/www.dmsjuridica.com\/buscador_20179478954\/corteconstitucionalcronologico202454587\/t-1008-05\/\" class=\"_self pt-cv-href-thumbnail pt-cv-thumb-default\" target=\"_self\" ><\/a>\n<div class=\"pt-cv-taxoterm above_title\"><a href='https:\/\/www.dmsjuridica.com\/buscador_20179478954\/corteconstitucionalcronologico202454587\/category\/buscar-en-toda-la-corte\/2005\/tutelas-2005\/' title='Tutelas 2005' class='pt-cv-tax-tutelas-2005'>Tutelas 2005<\/a><\/div>\n<h4 class=\"pt-cv-title\"><a href=\"https:\/\/www.dmsjuridica.com\/buscador_20179478954\/corteconstitucionalcronologico202454587\/t-1008-05\/\" class=\"_self\" target=\"_self\" >T-1008-05<\/a><\/h4>\n<div class=\"pt-cv-content\">\u00a0 \u00a0 Sentencia T-1008\/05 \u00a0 ACCION DE TUTELA CONTRA PARTICULARES-Eventos en los que procede \u00a0 ACCION DE TUTELA-Improcedencia por existir otro medio de defensa judicial \u00a0 ACCION DE TUTELA CONTRA ENTIDAD FINANCIERA-Procedencia \u00a0 ACTIVIDAD BANCARIA-Es un servicio p\u00fablico \u00a0 LEGITIMACION POR PASIVA-Entidades bancarias que prestan servicio p\u00fablico \u00a0 Es claro que -no obstante la ambig\u00fcedad del r\u00e9gimen contenido en el contrato de afiliaci\u00f3n, en los estatutos de INCOCREDITO y en las reglas que rigen la operaci\u00f3n del Comit\u00e9 de Seguridad, ambig\u00fcedad que es atribuible a los sistemas de tarjetas- INCOCREDITO ejerce una representaci\u00f3n efectiva de los sistemas de tarjetas en ...<br \/><div class=\"pt-cv-rmwrap\"><a href=\"https:\/\/www.dmsjuridica.com\/buscador_20179478954\/corteconstitucionalcronologico202454587\/t-1008-05\/\" class=\"_self pt-cv-readmore btn btn-success\" target=\"_self\">Ver Sentencia Completa...<\/a><\/div><\/div><\/div><\/div>\n<div class=\"col-md-12 col-sm-12 col-xs-12 pt-cv-content-item pt-cv-1-col\" ><div class='pt-cv-ifield'><a href=\"https:\/\/www.dmsjuridica.com\/buscador_20179478954\/corteconstitucionalcronologico202454587\/t-1000-05\/\" class=\"_self pt-cv-href-thumbnail pt-cv-thumb-default\" target=\"_self\" ><\/a>\n<div class=\"pt-cv-taxoterm above_title\"><a href='https:\/\/www.dmsjuridica.com\/buscador_20179478954\/corteconstitucionalcronologico202454587\/category\/buscar-en-toda-la-corte\/2005\/tutelas-2005\/' title='Tutelas 2005' class='pt-cv-tax-tutelas-2005'>Tutelas 2005<\/a><\/div>\n<h4 class=\"pt-cv-title\"><a href=\"https:\/\/www.dmsjuridica.com\/buscador_20179478954\/corteconstitucionalcronologico202454587\/t-1000-05\/\" class=\"_self\" target=\"_self\" >T-1000-05<\/a><\/h4>\n<div class=\"pt-cv-content\">\u00a0 \u00a0 Sentencia T-1000\/05 \u00a0 DERECHO A LA SALUD DEL NI\u00d1O-Prevalencia\/DERECHO A LA SALUD DEL NI\u00d1O-Suministro de medicamento excluido del POS y repetici\u00f3n contra el FOSYGA \u00a0 Reiteraci\u00f3n de Jurisprudencia \u00a0 Referencia: expediente T-1162367 \u00a0 Acci\u00f3n de tutela instaurada por Gladys Quito Fuquen, en representaci\u00f3n de su hija, contra Colm\u00e9dica EPS\u00a0 \u00a0 Magistrado Ponente \u00a0 Dr. MANUEL JOS\u00c9 CEPEDA ESPINOSA \u00a0 Bogot\u00e1, D. C., treinta (30) de septiembre de dos mil cinco (2005) \u00a0 Teniendo en cuenta que el problema jur\u00eddico que suscita la presente acci\u00f3n de tutela ya ha sido objeto de otros pronunciamientos por parte de esta Corporaci\u00f3n, ...<br \/><div class=\"pt-cv-rmwrap\"><a href=\"https:\/\/www.dmsjuridica.com\/buscador_20179478954\/corteconstitucionalcronologico202454587\/t-1000-05\/\" class=\"_self pt-cv-readmore btn btn-success\" target=\"_self\">Ver Sentencia Completa...<\/a><\/div><\/div><\/div><\/div>\n<div class=\"col-md-12 col-sm-12 col-xs-12 pt-cv-content-item pt-cv-1-col\" ><div class='pt-cv-ifield'><a href=\"https:\/\/www.dmsjuridica.com\/buscador_20179478954\/corteconstitucionalcronologico202454587\/t-099-05\/\" class=\"_self pt-cv-href-thumbnail pt-cv-thumb-default\" target=\"_self\" ><\/a>\n<div class=\"pt-cv-taxoterm above_title\"><a href='https:\/\/www.dmsjuridica.com\/buscador_20179478954\/corteconstitucionalcronologico202454587\/category\/buscar-en-toda-la-corte\/2005\/tutelas-2005\/' title='Tutelas 2005' class='pt-cv-tax-tutelas-2005'>Tutelas 2005<\/a><\/div>\n<h4 class=\"pt-cv-title\"><a href=\"https:\/\/www.dmsjuridica.com\/buscador_20179478954\/corteconstitucionalcronologico202454587\/t-099-05\/\" class=\"_self\" target=\"_self\" >T-099-05<\/a><\/h4>\n<div class=\"pt-cv-content\">\u00a0 \u00a0 Sentencia T-099\/05 \u00a0 ACCION DE TUTELA-Procedencia excepcional pago de acreencias laborales \u00a0 DERECHO AL MINIMO VITAL DEL TRABAJADOR-Presunci\u00f3n de afectaci\u00f3n por ausencia prolongada de pago de salarios \u00a0 ACCION DE TUTELA-Procedencia por vulneraci\u00f3n al m\u00ednimo vital de los trabajadores \u00a0 Referencia: expedientes T-989375, T- 989376, T-989377 y T-989389, acumulados. \u00a0 Acciones de tutela instauradas por separado por Adonay Moreno Agamez, Virgilio Puello Quintana, Julio Rafael Vega Anaya y Francisco Lora Puello, contra los municipios de Arjona y Turbaco y A.F.A Consultores y Constructores S.A. E.S.P \u00a0 Magistrado Ponente: \u00a0 Dr. JAIME ARA\u00daJO RENTER\u00cdA \u00a0 Bogot\u00e1, D. C., cuatro ...<br \/><div class=\"pt-cv-rmwrap\"><a href=\"https:\/\/www.dmsjuridica.com\/buscador_20179478954\/corteconstitucionalcronologico202454587\/t-099-05\/\" class=\"_self pt-cv-readmore btn btn-success\" target=\"_self\">Ver Sentencia Completa...<\/a><\/div><\/div><\/div><\/div>\n<div class=\"col-md-12 col-sm-12 col-xs-12 pt-cv-content-item pt-cv-1-col\" ><div class='pt-cv-ifield'><a href=\"https:\/\/www.dmsjuridica.com\/buscador_20179478954\/corteconstitucionalcronologico202454587\/t-098-05\/\" class=\"_self pt-cv-href-thumbnail pt-cv-thumb-default\" target=\"_self\" ><\/a>\n<div class=\"pt-cv-taxoterm above_title\"><a href='https:\/\/www.dmsjuridica.com\/buscador_20179478954\/corteconstitucionalcronologico202454587\/category\/buscar-en-toda-la-corte\/2005\/tutelas-2005\/' title='Tutelas 2005' class='pt-cv-tax-tutelas-2005'>Tutelas 2005<\/a><\/div>\n<h4 class=\"pt-cv-title\"><a href=\"https:\/\/www.dmsjuridica.com\/buscador_20179478954\/corteconstitucionalcronologico202454587\/t-098-05\/\" class=\"_self\" target=\"_self\" >T-098-05<\/a><\/h4>\n<div class=\"pt-cv-content\">\u00a0 \u00a0 Sentencia T-098\/05 \u00a0 INDEXACION DE LA PRIMERA MESADA PENSIONAL-Adopci\u00f3n de una posici\u00f3n jurisprudencial unificada \u00a0 PRINCIPIO DE INTERPRETACION MAS FAVORABLE EN MATERIA LABORAL\u00a0 \u00a0 EQUIDAD EN MATERIA LABORAL-Aplicaci\u00f3n en materias no previstas en la legislaci\u00f3n \u00a0 DERECHOS DEL PENSIONADO A MANTENER EL PODER ADQUISITIVO DE LA MESADA-Procedencia de su reconocimiento\/INDEXACION DE LA PRIMERA MESADA PENSIONAL-F\u00f3rmula para calcularla \u00a0 -Reiteraci\u00f3n de Jurisprudencia- \u00a0 Referencia: expediente T-970700 \u00a0 Acci\u00f3n de tutela instaurada por Manuel Jos\u00e9 Gonz\u00e1lez Alarc\u00f3n contra la Sala de Casaci\u00f3n Laboral de la Corte Suprema de Justicia, con citaci\u00f3n oficiosa de Citibank Colombia, la Sala de Decisi\u00f3n Laboral ...<br \/><div class=\"pt-cv-rmwrap\"><a href=\"https:\/\/www.dmsjuridica.com\/buscador_20179478954\/corteconstitucionalcronologico202454587\/t-098-05\/\" class=\"_self pt-cv-readmore btn btn-success\" target=\"_self\">Ver Sentencia Completa...<\/a><\/div><\/div><\/div><\/div>\n<div class=\"col-md-12 col-sm-12 col-xs-12 pt-cv-content-item pt-cv-1-col\" ><div class='pt-cv-ifield'><a href=\"https:\/\/www.dmsjuridica.com\/buscador_20179478954\/corteconstitucionalcronologico202454587\/t-097-05\/\" class=\"_self pt-cv-href-thumbnail pt-cv-thumb-default\" target=\"_self\" ><\/a>\n<div class=\"pt-cv-taxoterm above_title\"><a href='https:\/\/www.dmsjuridica.com\/buscador_20179478954\/corteconstitucionalcronologico202454587\/category\/buscar-en-toda-la-corte\/2005\/tutelas-2005\/' title='Tutelas 2005' class='pt-cv-tax-tutelas-2005'>Tutelas 2005<\/a><\/div>\n<h4 class=\"pt-cv-title\"><a href=\"https:\/\/www.dmsjuridica.com\/buscador_20179478954\/corteconstitucionalcronologico202454587\/t-097-05\/\" class=\"_self\" target=\"_self\" >T-097-05<\/a><\/h4>\n<div class=\"pt-cv-content\">\u00a0 \u00a0 Sentencia T-097\/05 \u00a0 DESPLAZAMIENTO FORZADO-Vulneraci\u00f3n m\u00faltiple, masiva y continua de derechos fundamentales \u00a0 DESPLAZADOS INTERNOS-Derecho a recibir en forma urgente un trato preferente \u00a0 DERECHOS FUNDAMENTALES DE LOS DESPLAZADOS-Niveles m\u00ednimos de protecci\u00f3n \u00a0 RED DE SOLIDARIDAD SOCIAL-Deber de coordinar con otras entidades la atenci\u00f3n \u00e1gil a los desplazados \u00a0 Reiteraci\u00f3n de Jurisprudencia \u00a0 Referencia: expediente T-981140 \u00a0 Acci\u00f3n de tutela instaurada por Hernando Duque Bazurdo contra la Presidencia de la Rep\u00fablica, los Ministerios de Hacienda y Cr\u00e9dito P\u00fablico y del Medio Ambiente y Desarrollo Territorial, la Red de Solidaridad Social, el Fondo Nacional de Vivienda (FONVIVIENDA), la Gobernaci\u00f3n ...<br \/><div class=\"pt-cv-rmwrap\"><a href=\"https:\/\/www.dmsjuridica.com\/buscador_20179478954\/corteconstitucionalcronologico202454587\/t-097-05\/\" class=\"_self pt-cv-readmore btn btn-success\" target=\"_self\">Ver Sentencia Completa...<\/a><\/div><\/div><\/div><\/div>\n<div class=\"col-md-12 col-sm-12 col-xs-12 pt-cv-content-item pt-cv-1-col\" ><div class='pt-cv-ifield'><a href=\"https:\/\/www.dmsjuridica.com\/buscador_20179478954\/corteconstitucionalcronologico202454587\/t-096-05\/\" class=\"_self pt-cv-href-thumbnail pt-cv-thumb-default\" target=\"_self\" ><\/a>\n<div class=\"pt-cv-taxoterm above_title\"><a href='https:\/\/www.dmsjuridica.com\/buscador_20179478954\/corteconstitucionalcronologico202454587\/category\/buscar-en-toda-la-corte\/2005\/tutelas-2005\/' title='Tutelas 2005' class='pt-cv-tax-tutelas-2005'>Tutelas 2005<\/a><\/div>\n<h4 class=\"pt-cv-title\"><a href=\"https:\/\/www.dmsjuridica.com\/buscador_20179478954\/corteconstitucionalcronologico202454587\/t-096-05\/\" class=\"_self\" target=\"_self\" >T-096-05<\/a><\/h4>\n<div class=\"pt-cv-content\">\u00a0 \u00a0 Sentencia T-096\/05 \u00a0 DERECHO A LA SALUD-Car\u00e1cter prestacional\/DERECHO A LA SEGURIDAD SOCIAL-Car\u00e1cter prestacional \u00a0 DERECHOS SOCIALES, ECONOMICOS Y CULTURALES-Prestacionales y transmutaci\u00f3n hacia un derecho subjetivo\/DERECHOS SOCIALES, ECONOMICOS Y CULTURALES-Adquisici\u00f3n car\u00e1cter de fundamentales \u00a0 DERECHO A LA VIDA DIGNA-Alcance \u00a0 DERECHO A LA VIDA DIGNA-Vulneraci\u00f3n por haber negado examen y medicamento por encontrarse fuera del POS \u00a0 Reiteraci\u00f3n de Jurisprudencia \u00a0 Referencia: expediente T-880683 \u00a0 Acci\u00f3n de tutela incoada por Luz Mery Quimbayo D\u00edaz contra A.R.S. CONVIDA.\u00a0 \u00a0 Magistrado Ponente: \u00a0 Dr. JAIME C\u00d3RDOBA TRIVI\u00d1O \u00a0 Bogot\u00e1 D.C., cuatro (4) de febrero de dos mil cinco (2005). \u00a0 La ...<br \/><div class=\"pt-cv-rmwrap\"><a href=\"https:\/\/www.dmsjuridica.com\/buscador_20179478954\/corteconstitucionalcronologico202454587\/t-096-05\/\" class=\"_self pt-cv-readmore btn btn-success\" target=\"_self\">Ver Sentencia Completa...<\/a><\/div><\/div><\/div><\/div>\n<div class=\"col-md-12 col-sm-12 col-xs-12 pt-cv-content-item pt-cv-1-col\" ><div class='pt-cv-ifield'><a href=\"https:\/\/www.dmsjuridica.com\/buscador_20179478954\/corteconstitucionalcronologico202454587\/t-095-05\/\" class=\"_self pt-cv-href-thumbnail pt-cv-thumb-default\" target=\"_self\" ><\/a>\n<div class=\"pt-cv-taxoterm above_title\"><a href='https:\/\/www.dmsjuridica.com\/buscador_20179478954\/corteconstitucionalcronologico202454587\/category\/buscar-en-toda-la-corte\/2005\/tutelas-2005\/' title='Tutelas 2005' class='pt-cv-tax-tutelas-2005'>Tutelas 2005<\/a><\/div>\n<h4 class=\"pt-cv-title\"><a href=\"https:\/\/www.dmsjuridica.com\/buscador_20179478954\/corteconstitucionalcronologico202454587\/t-095-05\/\" class=\"_self\" target=\"_self\" >T-095-05<\/a><\/h4>\n<div class=\"pt-cv-content\">\u00a0 \u00a0 Sentencia T-095\/05 \u00a0 ACCION DE TUTELA-Carencia actual de objeto \u00a0 AGENCIA OFICIOSA EN TUTELA-Alcance\/AGENCIA OFICIOSA EN TUTELA-Hija en representaci\u00f3n de madre \u00a0 DERECHO A LA SALUD-Tr\u00e1mite administrativo que demora la prestaci\u00f3n del servicio por parte de la E.P.S. \u00a0 Referencia: expediente T-988629 \u00a0 Acci\u00f3n de tutela instaurada por Aura Helena Hincapi\u00e9 de Beltr\u00e1n contra CAPRECOM ARS. \u00a0 Magistrada Ponente: \u00a0 Dra. CLARA IN\u00c9S VARGAS HERN\u00c1NDEZ \u00a0 Bogot\u00e1, D. C., \u00a0tres (3) de febrero de dos mil cinco (2005). \u00a0 La Sala Novena de Revisi\u00f3n de la Corte Constitucional, conformada por los Magistrados CLARA IN\u00c9S VARGAS HERN\u00c1NDEZ, JAIME ARA\u00daJO ...<br \/><div class=\"pt-cv-rmwrap\"><a href=\"https:\/\/www.dmsjuridica.com\/buscador_20179478954\/corteconstitucionalcronologico202454587\/t-095-05\/\" class=\"_self pt-cv-readmore btn btn-success\" target=\"_self\">Ver Sentencia Completa...<\/a><\/div><\/div><\/div><\/div>\n<div class=\"col-md-12 col-sm-12 col-xs-12 pt-cv-content-item pt-cv-1-col\" ><div class='pt-cv-ifield'><a href=\"https:\/\/www.dmsjuridica.com\/buscador_20179478954\/corteconstitucionalcronologico202454587\/t-094-05\/\" class=\"_self pt-cv-href-thumbnail pt-cv-thumb-default\" target=\"_self\" ><\/a>\n<div class=\"pt-cv-taxoterm above_title\"><a href='https:\/\/www.dmsjuridica.com\/buscador_20179478954\/corteconstitucionalcronologico202454587\/category\/buscar-en-toda-la-corte\/2005\/tutelas-2005\/' title='Tutelas 2005' class='pt-cv-tax-tutelas-2005'>Tutelas 2005<\/a><\/div>\n<h4 class=\"pt-cv-title\"><a href=\"https:\/\/www.dmsjuridica.com\/buscador_20179478954\/corteconstitucionalcronologico202454587\/t-094-05\/\" class=\"_self\" target=\"_self\" >T-094-05<\/a><\/h4>\n<div class=\"pt-cv-content\">\u00a0 \u00a0 Sentencia T-094\/05 \u00a0 ACCION DE TUTELA CONTRA PROVIDENCIAS JUDICIALES-Requisitos formales para la procedencia \u00a0 ACCION DE TUTELA CONTRA PROVIDENCIAS JUDICIALES-Procedencia excepcional \u00a0 ACCION DE TUTELA CONTRA PROVIDENCIAS JUDICIALES-Hip\u00f3tesis que representan su existencia \u00a0 PRINCIPIO DE IRRETROACTIVIDAD DE LA LEY-Alcance \u00a0 La ley procesal tambi\u00e9n surte efectos inmediatos y hacia el futuro, pero los t\u00e9rminos que hubieren empezado a correr y las actuaciones o diligencias ya iniciadas, se regir\u00e1n por la ley vigente al tiempo de su iniciaci\u00f3n, a fin de no aplicarles la nueva ley de manera retroactiva. Esto significa, que los tr\u00e1mites del procedimiento judicial ya cursados ...<br \/><div class=\"pt-cv-rmwrap\"><a href=\"https:\/\/www.dmsjuridica.com\/buscador_20179478954\/corteconstitucionalcronologico202454587\/t-094-05\/\" class=\"_self pt-cv-readmore btn btn-success\" target=\"_self\">Ver Sentencia Completa...<\/a><\/div><\/div><\/div><\/div>\n<div class=\"col-md-12 col-sm-12 col-xs-12 pt-cv-content-item pt-cv-1-col\" ><div class='pt-cv-ifield'><a href=\"https:\/\/www.dmsjuridica.com\/buscador_20179478954\/corteconstitucionalcronologico202454587\/t-093-05\/\" class=\"_self pt-cv-href-thumbnail pt-cv-thumb-default\" target=\"_self\" ><\/a>\n<div class=\"pt-cv-taxoterm above_title\"><a href='https:\/\/www.dmsjuridica.com\/buscador_20179478954\/corteconstitucionalcronologico202454587\/category\/buscar-en-toda-la-corte\/2005\/tutelas-2005\/' title='Tutelas 2005' class='pt-cv-tax-tutelas-2005'>Tutelas 2005<\/a><\/div>\n<h4 class=\"pt-cv-title\"><a href=\"https:\/\/www.dmsjuridica.com\/buscador_20179478954\/corteconstitucionalcronologico202454587\/t-093-05\/\" class=\"_self\" target=\"_self\" >T-093-05<\/a><\/h4>\n<div class=\"pt-cv-content\">\u00a0 \u00a0 Sentencia T-093\/05 \u00a0 DERECHO A LA SALUD Y SEGURIDAD SOCIAL DEL MENOR Fundamental\/DERECHO A LA SALUD DEL MENOR-Especial protecci\u00f3n \u00a0 ACCION DE TUTELA-Hecho superado \u00a0 INCAPACIDAD ECONOMICA EN MATERIA DE SALUD-Prueba debi\u00f3 ser ordenada por el juez\u00a0 \u00a0 Advierte la Sala que el juez de tutela no puede abstenerse de conceder el amparo, argumentando simplemente que no se demostr\u00f3 la incapacidad econ\u00f3mica de los accionantes, pues su deber es garantizar los derechos fundamentales, para lo cual podr\u00e1 hacer uso de la facultad oficiosa que le es reconocida. \u00a0 \u00a0 ACCION DE TUTELA-Improcedencia pago de dineros \u00a0 Referencia: expediente ...<br \/><div class=\"pt-cv-rmwrap\"><a href=\"https:\/\/www.dmsjuridica.com\/buscador_20179478954\/corteconstitucionalcronologico202454587\/t-093-05\/\" class=\"_self pt-cv-readmore btn btn-success\" target=\"_self\">Ver Sentencia Completa...<\/a><\/div><\/div><\/div><\/div>\n<div class=\"col-md-12 col-sm-12 col-xs-12 pt-cv-content-item pt-cv-1-col\" ><div class='pt-cv-ifield'><a href=\"https:\/\/www.dmsjuridica.com\/buscador_20179478954\/corteconstitucionalcronologico202454587\/t-092-05\/\" class=\"_self pt-cv-href-thumbnail pt-cv-thumb-default\" target=\"_self\" ><\/a>\n<div class=\"pt-cv-taxoterm above_title\"><a href='https:\/\/www.dmsjuridica.com\/buscador_20179478954\/corteconstitucionalcronologico202454587\/category\/buscar-en-toda-la-corte\/2005\/tutelas-2005\/' title='Tutelas 2005' class='pt-cv-tax-tutelas-2005'>Tutelas 2005<\/a><\/div>\n<h4 class=\"pt-cv-title\"><a href=\"https:\/\/www.dmsjuridica.com\/buscador_20179478954\/corteconstitucionalcronologico202454587\/t-092-05\/\" class=\"_self\" target=\"_self\" >T-092-05<\/a><\/h4>\n<div class=\"pt-cv-content\">\u00a0 \u00a0 Sentencia T-092\/05 \u00a0 DISMINUIDO FISICO Y PSIQUICO-Protecci\u00f3n especial\u00a0 \u00a0 PROCESO DE REESTRUCTURACION ADMINISTRATIVA-Diferenciaci\u00f3n positiva a favor de servidor p\u00fablico con limitaci\u00f3n \u00a0 DERECHO A LA IGUALDAD-Diferenciaci\u00f3n positiva\u00a0 \u00a0 DERECHO A LA IGUALDAD-Vulneraci\u00f3n por omisi\u00f3n de la administraci\u00f3n en adopci\u00f3n de medidas positivas para reincorporaci\u00f3n del trabajador con limitaci\u00f3n f\u00edsica \u00a0 Referencia: expediente T-1002476 \u00a0 Acci\u00f3n de tutela instaurada por Marelys del Carmen Novoa Escorcia en contra del Servicio Nacional de Aprendizaje \u2013 \u201cSENA\u201d, Regional Atl\u00e1ntico. \u00a0 Dr. MANUEL JOSE CEPEDA ESPINOSA \u00a0 Bogot\u00e1, D.C., tres (3) de febrero de dos mil cinco (2005). \u00a0 La Sala Tercera de ...<br \/><div class=\"pt-cv-rmwrap\"><a href=\"https:\/\/www.dmsjuridica.com\/buscador_20179478954\/corteconstitucionalcronologico202454587\/t-092-05\/\" class=\"_self pt-cv-readmore btn btn-success\" target=\"_self\">Ver Sentencia Completa...<\/a><\/div><\/div><\/div><\/div>\n<div class=\"col-md-12 col-sm-12 col-xs-12 pt-cv-content-item pt-cv-1-col\" ><div class='pt-cv-ifield'><a href=\"https:\/\/www.dmsjuridica.com\/buscador_20179478954\/corteconstitucionalcronologico202454587\/t-091-05\/\" class=\"_self pt-cv-href-thumbnail pt-cv-thumb-default\" target=\"_self\" ><\/a>\n<div class=\"pt-cv-taxoterm above_title\"><a href='https:\/\/www.dmsjuridica.com\/buscador_20179478954\/corteconstitucionalcronologico202454587\/category\/buscar-en-toda-la-corte\/2005\/tutelas-2005\/' title='Tutelas 2005' class='pt-cv-tax-tutelas-2005'>Tutelas 2005<\/a><\/div>\n<h4 class=\"pt-cv-title\"><a href=\"https:\/\/www.dmsjuridica.com\/buscador_20179478954\/corteconstitucionalcronologico202454587\/t-091-05\/\" class=\"_self\" target=\"_self\" >T-091-05<\/a><\/h4>\n<div class=\"pt-cv-content\">\u00a0 \u00a0 Sentencia T-091\/05 \u00a0 LICENCIA DE MATERNIDAD-Protecci\u00f3n constitucional \u00a0 LICENCIA DE MATERNIDAD-Procedencia excepcional de tutela para el pago \u00a0 LICENCIA DE MATERNIDAD-Reglas que ha fijado la jurisprudencia para el pago\u00a0 \u00a0 LICENCIA DE MATERNIDAD-Pago por allanamiento a la mora por EPS \u00a0 LICENCIA DE MATERNIDAD-Pago por tutela cuando afecta el m\u00ednimo vital de la madre y su hijo\/LICENCIA DE MATERNIDAD-Presunci\u00f3n de vulneraci\u00f3n al m\u00ednimo vital \u00a0 Para que sea procedente la reclamaci\u00f3n a trav\u00e9s de la acci\u00f3n de tutela, es necesario comprobar que en el caso de la peticionaria se presenta una vulneraci\u00f3n de su m\u00ednimo vital y el ...<br \/><div class=\"pt-cv-rmwrap\"><a href=\"https:\/\/www.dmsjuridica.com\/buscador_20179478954\/corteconstitucionalcronologico202454587\/t-091-05\/\" class=\"_self pt-cv-readmore btn btn-success\" target=\"_self\">Ver Sentencia Completa...<\/a><\/div><\/div><\/div><\/div>\n<div class=\"col-md-12 col-sm-12 col-xs-12 pt-cv-content-item pt-cv-1-col\" ><div class='pt-cv-ifield'><a href=\"https:\/\/www.dmsjuridica.com\/buscador_20179478954\/corteconstitucionalcronologico202454587\/t-090-05\/\" class=\"_self pt-cv-href-thumbnail pt-cv-thumb-default\" target=\"_self\" ><\/a>\n<div class=\"pt-cv-taxoterm above_title\"><a href='https:\/\/www.dmsjuridica.com\/buscador_20179478954\/corteconstitucionalcronologico202454587\/category\/buscar-en-toda-la-corte\/2005\/tutelas-2005\/' title='Tutelas 2005' class='pt-cv-tax-tutelas-2005'>Tutelas 2005<\/a><\/div>\n<h4 class=\"pt-cv-title\"><a href=\"https:\/\/www.dmsjuridica.com\/buscador_20179478954\/corteconstitucionalcronologico202454587\/t-090-05\/\" class=\"_self\" target=\"_self\" >T-090-05<\/a><\/h4>\n<div class=\"pt-cv-content\">\u00a0 \u00a0 Sentencia T-090\/05 \u00a0 LICENCIA DE MATERNIDAD-Protecci\u00f3n constitucional \u00a0 LICENCIA DE MATERNIDAD-Procedencia excepcional de tutela para el pago \u00a0 LICENCIA DE MATERNIDAD-Reglas legales para el pago\u00a0 \u00a0 LICENCIA DE MATERNIDAD-Pago por allanamiento a la mora por EPS \u00a0 LICENCIA DE MATERNIDAD-Pago por tutela cuando afecta el m\u00ednimo vital de la madre y su hijo\/LICENCIA DE MATERNIDAD-Presunci\u00f3n de vulneraci\u00f3n al m\u00ednimo vital \u00a0 Reiteraci\u00f3n de Jurisprudencia \u00a0 Referencia: expediente T-997881 \u00a0 Acci\u00f3n de tutela instaurada por IVONNE ESTHER SARAVIA CHARRIS, contra SALUDVIDA EPS y contra la ALCALD\u00cdA MUNICIPAL DE PALMAR DE VARELA. \u00a0 Magistrado Ponente \u00a0 Dr. MANUEL JOSE CEPEDA ...<br \/><div class=\"pt-cv-rmwrap\"><a href=\"https:\/\/www.dmsjuridica.com\/buscador_20179478954\/corteconstitucionalcronologico202454587\/t-090-05\/\" class=\"_self pt-cv-readmore btn btn-success\" target=\"_self\">Ver Sentencia Completa...<\/a><\/div><\/div><\/div><\/div>\n<div class=\"col-md-12 col-sm-12 col-xs-12 pt-cv-content-item pt-cv-1-col\" ><div class='pt-cv-ifield'><a href=\"https:\/\/www.dmsjuridica.com\/buscador_20179478954\/corteconstitucionalcronologico202454587\/t-089-05\/\" class=\"_self pt-cv-href-thumbnail pt-cv-thumb-default\" target=\"_self\" ><\/a>\n<div class=\"pt-cv-taxoterm above_title\"><a href='https:\/\/www.dmsjuridica.com\/buscador_20179478954\/corteconstitucionalcronologico202454587\/category\/buscar-en-toda-la-corte\/2005\/tutelas-2005\/' title='Tutelas 2005' class='pt-cv-tax-tutelas-2005'>Tutelas 2005<\/a><\/div>\n<h4 class=\"pt-cv-title\"><a href=\"https:\/\/www.dmsjuridica.com\/buscador_20179478954\/corteconstitucionalcronologico202454587\/t-089-05\/\" class=\"_self\" target=\"_self\" >T-089-05<\/a><\/h4>\n<div class=\"pt-cv-content\">\u00a0 \u00a0 Sentencia T-089\/05 \u00a0 JUEZ DE TUTELA-Competencia excepcional para conocer de interpretaci\u00f3n, contenido o cumplimiento de contrato \u00a0 Es importante se\u00f1alar que los jueces de tutela no son los jueces naturales de los contratos. Sin embargo, esta distribuci\u00f3n de competencias al interior de la rama judicial no obsta para que, trat\u00e1ndose de la afectaci\u00f3n de derechos fundamentales, el juez de tutela, atendiendo a los hechos particulares de un caso, pueda entrar a analizar el contenido, la interpretaci\u00f3n o el cumplimiento de un contrato determinado, y adopte medidas tendientes a la protecci\u00f3n de los derechos fundamentales vulnerados, de manera permanente ...<br \/><div class=\"pt-cv-rmwrap\"><a href=\"https:\/\/www.dmsjuridica.com\/buscador_20179478954\/corteconstitucionalcronologico202454587\/t-089-05\/\" class=\"_self pt-cv-readmore btn btn-success\" target=\"_self\">Ver Sentencia Completa...<\/a><\/div><\/div><\/div><\/div>\n<div class=\"col-md-12 col-sm-12 col-xs-12 pt-cv-content-item pt-cv-1-col\" ><div class='pt-cv-ifield'><a href=\"https:\/\/www.dmsjuridica.com\/buscador_20179478954\/corteconstitucionalcronologico202454587\/t-088-05\/\" class=\"_self pt-cv-href-thumbnail pt-cv-thumb-default\" target=\"_self\" ><\/a>\n<div class=\"pt-cv-taxoterm above_title\"><a href='https:\/\/www.dmsjuridica.com\/buscador_20179478954\/corteconstitucionalcronologico202454587\/category\/buscar-en-toda-la-corte\/2005\/tutelas-2005\/' title='Tutelas 2005' class='pt-cv-tax-tutelas-2005'>Tutelas 2005<\/a><\/div>\n<h4 class=\"pt-cv-title\"><a href=\"https:\/\/www.dmsjuridica.com\/buscador_20179478954\/corteconstitucionalcronologico202454587\/t-088-05\/\" class=\"_self\" target=\"_self\" >T-088-05<\/a><\/h4>\n<div class=\"pt-cv-content\">\u00a0 \u00a0 Sentencia T-088\/05 \u00a0 MANDAMIENTO DE PAGO EN COBRO COACTIVO-Desacuerdos se invocan ante la jurisdicci\u00f3n contencioso administrativa \u00a0 PROCESO DE RESPONSABILIDAD FISCAL-Actos administrativos que terminan el proceso y solo sean controvertibles ante la jurisdicci\u00f3n contenciosa no vulneran el debido proceso \u00a0 ACTO DE TRAMITE Y ACTO DEFINITIVO-Relaci\u00f3n seg\u00fan la jurisprudencia\/ACCION DE TUTELA CONTRA ACTO DE TRAMITE-Procedencia excepcional \u00a0 DEBIDO PROCESO DE COBRO COACTIVO ANTE ADMINISTRACION DE IMPUESTOS-Vulneraci\u00f3n por notificaci\u00f3n indebida del mandamiento de pago\u00a0 \u00a0 La Sala constata que, de acuerdo a la informaci\u00f3n enviada por la Divisi\u00f3n de cobranzas de la DIAN\u2013 Medell\u00edn, este organismo viol\u00f3 el Estatuto ...<br \/><div class=\"pt-cv-rmwrap\"><a href=\"https:\/\/www.dmsjuridica.com\/buscador_20179478954\/corteconstitucionalcronologico202454587\/t-088-05\/\" class=\"_self pt-cv-readmore btn btn-success\" target=\"_self\">Ver Sentencia Completa...<\/a><\/div><\/div><\/div><\/div>\n<div class=\"col-md-12 col-sm-12 col-xs-12 pt-cv-content-item pt-cv-1-col\" ><div class='pt-cv-ifield'><a href=\"https:\/\/www.dmsjuridica.com\/buscador_20179478954\/corteconstitucionalcronologico202454587\/t-087-05\/\" class=\"_self pt-cv-href-thumbnail pt-cv-thumb-default\" target=\"_self\" ><\/a>\n<div class=\"pt-cv-taxoterm above_title\"><a href='https:\/\/www.dmsjuridica.com\/buscador_20179478954\/corteconstitucionalcronologico202454587\/category\/buscar-en-toda-la-corte\/2005\/tutelas-2005\/' title='Tutelas 2005' class='pt-cv-tax-tutelas-2005'>Tutelas 2005<\/a><\/div>\n<h4 class=\"pt-cv-title\"><a href=\"https:\/\/www.dmsjuridica.com\/buscador_20179478954\/corteconstitucionalcronologico202454587\/t-087-05\/\" class=\"_self\" target=\"_self\" >T-087-05<\/a><\/h4>\n<div class=\"pt-cv-content\">\u00a0 \u00a0 Sentencia T-087\/05 \u00a0 ACCION DE TUTELA CONTRA PARTICULARES-Procedencia excepcional \u00a0 ACCION DE TUTELA-Derechos individuales no se transforman en derechos colectivos al ser reclamados al mismo tiempo por varias personas \u00a0 Un derecho individual no se convierte en colectivo por el s\u00f3lo hecho de haber sido exigido simult\u00e1neamente con el de otras personas. Un derecho es individual o colectivo dependiendo, entre otros elementos, de qui\u00e9n sea su titular -una persona o una colectividad-, no de qui\u00e9n lo ejerza y mediante cu\u00e1les acciones judiciales lo haga. El derecho individual a recibir un determinado tratamiento no se convierte en colectivo por ...<br \/><div class=\"pt-cv-rmwrap\"><a href=\"https:\/\/www.dmsjuridica.com\/buscador_20179478954\/corteconstitucionalcronologico202454587\/t-087-05\/\" class=\"_self pt-cv-readmore btn btn-success\" target=\"_self\">Ver Sentencia Completa...<\/a><\/div><\/div><\/div><\/div>\n<div class=\"col-md-12 col-sm-12 col-xs-12 pt-cv-content-item pt-cv-1-col\" ><div class='pt-cv-ifield'><a href=\"https:\/\/www.dmsjuridica.com\/buscador_20179478954\/corteconstitucionalcronologico202454587\/t-086-05\/\" class=\"_self pt-cv-href-thumbnail pt-cv-thumb-default\" target=\"_self\" ><\/a>\n<div class=\"pt-cv-taxoterm above_title\"><a href='https:\/\/www.dmsjuridica.com\/buscador_20179478954\/corteconstitucionalcronologico202454587\/category\/buscar-en-toda-la-corte\/2005\/tutelas-2005\/' title='Tutelas 2005' class='pt-cv-tax-tutelas-2005'>Tutelas 2005<\/a><\/div>\n<h4 class=\"pt-cv-title\"><a href=\"https:\/\/www.dmsjuridica.com\/buscador_20179478954\/corteconstitucionalcronologico202454587\/t-086-05\/\" class=\"_self\" target=\"_self\" >T-086-05<\/a><\/h4>\n<div class=\"pt-cv-content\">\u00a0 \u00a0 Sentencia T-086\/05 \u00a0 DERECHO A LA SALUD-Fundamental por conexidad \u00a0 INAPLICACION DE NORMAS DEL PLAN OBLIGATORIO DE SALUD-Hip\u00f3tesis f\u00e1cticas que la determinan \u00a0 Reiteraci\u00f3n de Jurisprudencia \u00a0 Referencia: expediente T-998889 \u00a0 Acci\u00f3n de tutela instaurada por Mar\u00eda Betty Serna Valencia contra Saludcoop E.P.S. \u00a0 Magistrado Ponente: \u00a0 Dr. HUMBERTO ANTONIO SIERRA PORTO \u00a0 Bogot\u00e1, D.C., tres (3) de febrero de dos mil cinco (2005) \u00a0 La Sala S\u00e9ptima de Revisi\u00f3n de la Corte Constitucional, en ejercicio de sus competencias constitucionales y legales, espec\u00edficamente las previstas en los art\u00edculos 86 y 241, numeral 9\u00ba de la Constituci\u00f3n Pol\u00edtica y ...<br \/><div class=\"pt-cv-rmwrap\"><a href=\"https:\/\/www.dmsjuridica.com\/buscador_20179478954\/corteconstitucionalcronologico202454587\/t-086-05\/\" class=\"_self pt-cv-readmore btn btn-success\" target=\"_self\">Ver Sentencia Completa...<\/a><\/div><\/div><\/div><\/div>\n<div class=\"col-md-12 col-sm-12 col-xs-12 pt-cv-content-item pt-cv-1-col\" ><div class='pt-cv-ifield'><a href=\"https:\/\/www.dmsjuridica.com\/buscador_20179478954\/corteconstitucionalcronologico202454587\/t-085-05\/\" class=\"_self pt-cv-href-thumbnail pt-cv-thumb-default\" target=\"_self\" ><\/a>\n<div class=\"pt-cv-taxoterm above_title\"><a href='https:\/\/www.dmsjuridica.com\/buscador_20179478954\/corteconstitucionalcronologico202454587\/category\/buscar-en-toda-la-corte\/2005\/tutelas-2005\/' title='Tutelas 2005' class='pt-cv-tax-tutelas-2005'>Tutelas 2005<\/a><\/div>\n<h4 class=\"pt-cv-title\"><a href=\"https:\/\/www.dmsjuridica.com\/buscador_20179478954\/corteconstitucionalcronologico202454587\/t-085-05\/\" class=\"_self\" target=\"_self\" >T-085-05<\/a><\/h4>\n<div class=\"pt-cv-content\">\u00a0 \u00a0 Sentencia T-085\/05 \u00a0 MADRE CABEZA DE FAMILIA-Protecci\u00f3n especial\u00a0 \u00a0 ESTABILIDAD LABORAL REFORZADA DE MADRE CABEZA DE FAMILIA\u00a0 \u00a0 ESTABILIDAD LABORAL EN EL PROGRAMA DE RENOVACION DE LA ADMINISTRACION PUBLICA-Protecci\u00f3n especial \u00a0 ACCION DE TUTELA-Hecho superado por reintegro al cargo\u00a0 \u00a0 Reiteraci\u00f3n de Jurisprudencia \u00a0 Referencia: expediente T-985892 \u00a0 Acci\u00f3n de tutela instaurada por Olga Jeanette Beltr\u00e1n Far\u00edas contra el Consejo Superior de la Judicatura.\u00a0 \u00a0 Magistrado Ponente: \u00a0 Dr. HUMBERTO ANTONIO SIERRA PORTO \u00a0 Bogot\u00e1, D. C., tres (3) de febrero de dos mil cinco (2005). \u00a0 La Sala S\u00e9ptima \u00a0de Revisi\u00f3n de la Corte Constitucional, en ejercicio ...<br \/><div class=\"pt-cv-rmwrap\"><a href=\"https:\/\/www.dmsjuridica.com\/buscador_20179478954\/corteconstitucionalcronologico202454587\/t-085-05\/\" class=\"_self pt-cv-readmore btn btn-success\" target=\"_self\">Ver Sentencia Completa...<\/a><\/div><\/div><\/div><\/div>\n<div class=\"col-md-12 col-sm-12 col-xs-12 pt-cv-content-item pt-cv-1-col\" ><div class='pt-cv-ifield'><a href=\"https:\/\/www.dmsjuridica.com\/buscador_20179478954\/corteconstitucionalcronologico202454587\/t-084-05\/\" class=\"_self pt-cv-href-thumbnail pt-cv-thumb-default\" target=\"_self\" ><\/a>\n<div class=\"pt-cv-taxoterm above_title\"><a href='https:\/\/www.dmsjuridica.com\/buscador_20179478954\/corteconstitucionalcronologico202454587\/category\/buscar-en-toda-la-corte\/2005\/tutelas-2005\/' title='Tutelas 2005' class='pt-cv-tax-tutelas-2005'>Tutelas 2005<\/a><\/div>\n<h4 class=\"pt-cv-title\"><a href=\"https:\/\/www.dmsjuridica.com\/buscador_20179478954\/corteconstitucionalcronologico202454587\/t-084-05\/\" class=\"_self\" target=\"_self\" >T-084-05<\/a><\/h4>\n<div class=\"pt-cv-content\">\u00a0 \u00a0 Sentencia T-084\/05 \u00a0 DERECHO A LA SALUD-Fundamental por conexidad con la vida digna \u00a0 DERECHO AL DIAGNOSTICO-Concepto\u00a0 \u00a0 El derecho al diagn\u00f3stico, entendido como la prerrogativa a favor del paciente destinada a que las entidades prestadoras realicen los procedimientos que sean \u00fatiles para determinar la naturaleza de su dolencia y de ese modo se suministre al m\u00e9dico tratante elementos de juicio suficientes para que realice las prescripciones m\u00e1s adecuadas, a fin de lograr la recuperaci\u00f3n o al menos, la estabilidad del estado de salud del afectado y, por ende, el mejoramiento de su calidad de vida.\u00a0 \u00a0 INAPLICACION ...<br \/><div class=\"pt-cv-rmwrap\"><a href=\"https:\/\/www.dmsjuridica.com\/buscador_20179478954\/corteconstitucionalcronologico202454587\/t-084-05\/\" class=\"_self pt-cv-readmore btn btn-success\" target=\"_self\">Ver Sentencia Completa...<\/a><\/div><\/div><\/div><\/div>\n<div class=\"col-md-12 col-sm-12 col-xs-12 pt-cv-content-item pt-cv-1-col\" ><div class='pt-cv-ifield'><a href=\"https:\/\/www.dmsjuridica.com\/buscador_20179478954\/corteconstitucionalcronologico202454587\/t-083-05\/\" class=\"_self pt-cv-href-thumbnail pt-cv-thumb-default\" target=\"_self\" ><\/a>\n<div class=\"pt-cv-taxoterm above_title\"><a href='https:\/\/www.dmsjuridica.com\/buscador_20179478954\/corteconstitucionalcronologico202454587\/category\/buscar-en-toda-la-corte\/2005\/tutelas-2005\/' title='Tutelas 2005' class='pt-cv-tax-tutelas-2005'>Tutelas 2005<\/a><\/div>\n<h4 class=\"pt-cv-title\"><a href=\"https:\/\/www.dmsjuridica.com\/buscador_20179478954\/corteconstitucionalcronologico202454587\/t-083-05\/\" class=\"_self\" target=\"_self\" >T-083-05<\/a><\/h4>\n<div class=\"pt-cv-content\">\u00a0 \u00a0 Sentencia T-083\/05 \u00a0 ACCION DE TUTELA-Procedencia excepcional pago de acreencias laborales \u00a0 La jurisprudencia constitucional ha establecido que uno de los criterios que debe tener en cuenta el juez constitucional para efectos de admitir la procedencia del amparo tendiente a la cancelaci\u00f3n de acreencias laborales, es el hecho de que la falta de pago del salario constituya efectivamente un perjuicio irremediable para el trabajador y por esa raz\u00f3n debe reparar en que la ausencia absoluta de ingresos suficientes destinados a solventar necesidades b\u00e1sicas involucre la negaci\u00f3n del ejercicio de los dem\u00e1s derechos y garant\u00edas previstos en la Constituci\u00f3n ...<br \/><div class=\"pt-cv-rmwrap\"><a href=\"https:\/\/www.dmsjuridica.com\/buscador_20179478954\/corteconstitucionalcronologico202454587\/t-083-05\/\" class=\"_self pt-cv-readmore btn btn-success\" target=\"_self\">Ver Sentencia Completa...<\/a><\/div><\/div><\/div><\/div>\n<div class=\"col-md-12 col-sm-12 col-xs-12 pt-cv-content-item pt-cv-1-col\" ><div class='pt-cv-ifield'><a href=\"https:\/\/www.dmsjuridica.com\/buscador_20179478954\/corteconstitucionalcronologico202454587\/t-082-05\/\" class=\"_self pt-cv-href-thumbnail pt-cv-thumb-default\" target=\"_self\" ><\/a>\n<div class=\"pt-cv-taxoterm above_title\"><a href='https:\/\/www.dmsjuridica.com\/buscador_20179478954\/corteconstitucionalcronologico202454587\/category\/buscar-en-toda-la-corte\/2005\/tutelas-2005\/' title='Tutelas 2005' class='pt-cv-tax-tutelas-2005'>Tutelas 2005<\/a><\/div>\n<h4 class=\"pt-cv-title\"><a href=\"https:\/\/www.dmsjuridica.com\/buscador_20179478954\/corteconstitucionalcronologico202454587\/t-082-05\/\" class=\"_self\" target=\"_self\" >T-082-05<\/a><\/h4>\n<div class=\"pt-cv-content\">\u00a0 \u00a0 Sentencia T-082\/05 \u00a0 DERECHO A LA SALUD-Fundamental por conexidad \u00a0 ACCION DE TUTELA CONTRA EL SISBEN-Debe entenderse dirigida contra la administraci\u00f3n municipal o distrital \u00a0 Esta Corporaci\u00f3n ha sostenido que ante la circunstancia de que instaurada una acci\u00f3n de tutela contra el SISBEN, deber\u00e1 entenderse que en realidad \u00e9sta se dirige contra la administraci\u00f3n el ente territorial responsable del proceso de focalizaci\u00f3n del gasto social, en consideraci\u00f3n a que \u201c(\u2026) el SISBEN no es un ente jur\u00eddico ni una entidad prestadora de servicios de salud del R\u00e9gimen subsidiado, por lo mismo no cuenta con capacidad jur\u00eddica para adquirir ...<br \/><div class=\"pt-cv-rmwrap\"><a href=\"https:\/\/www.dmsjuridica.com\/buscador_20179478954\/corteconstitucionalcronologico202454587\/t-082-05\/\" class=\"_self pt-cv-readmore btn btn-success\" target=\"_self\">Ver Sentencia Completa...<\/a><\/div><\/div><\/div><\/div>\n<div class=\"col-md-12 col-sm-12 col-xs-12 pt-cv-content-item pt-cv-1-col\" ><div class='pt-cv-ifield'><a href=\"https:\/\/www.dmsjuridica.com\/buscador_20179478954\/corteconstitucionalcronologico202454587\/t-081-05\/\" class=\"_self pt-cv-href-thumbnail pt-cv-thumb-default\" target=\"_self\" ><\/a>\n<div class=\"pt-cv-taxoterm above_title\"><a href='https:\/\/www.dmsjuridica.com\/buscador_20179478954\/corteconstitucionalcronologico202454587\/category\/buscar-en-toda-la-corte\/2005\/tutelas-2005\/' title='Tutelas 2005' class='pt-cv-tax-tutelas-2005'>Tutelas 2005<\/a><\/div>\n<h4 class=\"pt-cv-title\"><a href=\"https:\/\/www.dmsjuridica.com\/buscador_20179478954\/corteconstitucionalcronologico202454587\/t-081-05\/\" class=\"_self\" target=\"_self\" >T-081-05<\/a><\/h4>\n<div class=\"pt-cv-content\">\u00a0 \u00a0 Sentencia T-081\/05 \u00a0 MADRE CABEZA DE FAMILIA Y DISCAPACITADA-Protecci\u00f3n laboral \u00a0 DERECHOS DEL NI\u00d1O-Incidencia en la jurisprudencia sobre los beneficios que se otorgan a la mujer cabeza de familia \u00a0 MADRE CABEZA DE FAMILIA-No deben aplic\u00e1rsele las mismas reglas que a las dem\u00e1s trabajadoras en proceso de reestructuraci\u00f3n \u00a0 MADRE CABEZA DE FAMILIA-Vulneraci\u00f3n de derechos fundamentales por la aplicaci\u00f3n del art\u00edculo 16 del Decreto 190 de 2003 \u00a0 ESTABILIDAD LABORAL EN EL PROGRAMA DE RENOVACION DE LA ADMINISTRACION PUBLICA-Protecci\u00f3n especial \u00a0 DERECHO A LA ESTABILIDAD LABORAL-No se reduce por ocupar cargo de carrera administrativa en provisionalidad \u00a0 ACCION ...<br \/><div class=\"pt-cv-rmwrap\"><a href=\"https:\/\/www.dmsjuridica.com\/buscador_20179478954\/corteconstitucionalcronologico202454587\/t-081-05\/\" class=\"_self pt-cv-readmore btn btn-success\" target=\"_self\">Ver Sentencia Completa...<\/a><\/div><\/div><\/div><\/div>\n<div class=\"col-md-12 col-sm-12 col-xs-12 pt-cv-content-item pt-cv-1-col\" ><div class='pt-cv-ifield'><a href=\"https:\/\/www.dmsjuridica.com\/buscador_20179478954\/corteconstitucionalcronologico202454587\/t-080-05\/\" class=\"_self pt-cv-href-thumbnail pt-cv-thumb-default\" target=\"_self\" ><\/a>\n<div class=\"pt-cv-taxoterm above_title\"><a href='https:\/\/www.dmsjuridica.com\/buscador_20179478954\/corteconstitucionalcronologico202454587\/category\/buscar-en-toda-la-corte\/2005\/tutelas-2005\/' title='Tutelas 2005' class='pt-cv-tax-tutelas-2005'>Tutelas 2005<\/a><\/div>\n<h4 class=\"pt-cv-title\"><a href=\"https:\/\/www.dmsjuridica.com\/buscador_20179478954\/corteconstitucionalcronologico202454587\/t-080-05\/\" class=\"_self\" target=\"_self\" >T-080-05<\/a><\/h4>\n<div class=\"pt-cv-content\">\u00a0 \u00a0 Sentencia T-080\/05 \u00a0 ACUERDOS DE REESTRUCTURACION DE ENTIDADES TERRITORIALES-No iniciaci\u00f3n de procesos de ejecuci\u00f3n ni embargo de activos y recursos\/ACCION DE TUTELA CONTRA ENTIDAD TERRITORIAL EN ACUERDO DE REESTRUCTURACION-Procedencia\u00a0 \u00a0 ACUERDOS DE REESTRUCTURACION EMPRESARIAL-Igualdad de los acreedores\u00a0 \u00a0 Autorizado por la ley un Acuerdo de Reestructuraci\u00f3n, destinado, entre otras finalidades, a atender en forma ordenada la ejecuci\u00f3n colectiva de los pasivos laborales a cargo de las entidades territoriales, los mandatarios seccionales que imparten ordenes de pag\u00f3 tendientes a satisfacer algunas obligaciones y no otras incurren en v\u00eda de hecho, habida cuenta que si los recursos escasos no les ...<br \/><div class=\"pt-cv-rmwrap\"><a href=\"https:\/\/www.dmsjuridica.com\/buscador_20179478954\/corteconstitucionalcronologico202454587\/t-080-05\/\" class=\"_self pt-cv-readmore btn btn-success\" target=\"_self\">Ver Sentencia Completa...<\/a><\/div><\/div><\/div><\/div>\n<div class=\"col-md-12 col-sm-12 col-xs-12 pt-cv-content-item pt-cv-1-col\" ><div class='pt-cv-ifield'><a href=\"https:\/\/www.dmsjuridica.com\/buscador_20179478954\/corteconstitucionalcronologico202454587\/t-079-05\/\" class=\"_self pt-cv-href-thumbnail pt-cv-thumb-default\" target=\"_self\" ><\/a>\n<div class=\"pt-cv-taxoterm above_title\"><a href='https:\/\/www.dmsjuridica.com\/buscador_20179478954\/corteconstitucionalcronologico202454587\/category\/buscar-en-toda-la-corte\/2005\/tutelas-2005\/' title='Tutelas 2005' class='pt-cv-tax-tutelas-2005'>Tutelas 2005<\/a><\/div>\n<h4 class=\"pt-cv-title\"><a href=\"https:\/\/www.dmsjuridica.com\/buscador_20179478954\/corteconstitucionalcronologico202454587\/t-079-05\/\" class=\"_self\" target=\"_self\" >T-079-05<\/a><\/h4>\n<div class=\"pt-cv-content\">\u00a0 \u00a0 Sentencia T-079\/05 \u00a0 ACCION DE TUTELA-Carencia actual de objeto por autorizaci\u00f3n de examen \u00a0 Referencia: expediente: T-1007173 \u00a0 \u00a0 Accionante: Mar\u00eda Auxiliadora Utria Yepes \u00a0 Procedencia: Juzgado Diecisiete Civil Municipal de Barranquilla \u00a0 Magistrado Ponente:\u00a0 \u00a0 Dr. MARCO GERARDO MONROY CABRA \u00a0 Bogot\u00e1 D.C., tres (3) de febrero de dos mil cinco (2005) \u00a0 La Sala Sexta de la Corte Constitucional, integrada por los Magistrados doctores, Humberto Sierra Porto, \u00c1lvaro Tafur Galvis y Marco Gerardo Monroy Cabra, quien la preside, en ejercicio de sus competencias constitucionales y legales ha pronunciado la siguiente\u00a0 \u00a0 SENTENCIA \u00a0 En el proceso ...<br \/><div class=\"pt-cv-rmwrap\"><a href=\"https:\/\/www.dmsjuridica.com\/buscador_20179478954\/corteconstitucionalcronologico202454587\/t-079-05\/\" class=\"_self pt-cv-readmore btn btn-success\" target=\"_self\">Ver Sentencia Completa...<\/a><\/div><\/div><\/div><\/div>\n<div class=\"col-md-12 col-sm-12 col-xs-12 pt-cv-content-item pt-cv-1-col\" ><div class='pt-cv-ifield'><a href=\"https:\/\/www.dmsjuridica.com\/buscador_20179478954\/corteconstitucionalcronologico202454587\/t-078-05\/\" class=\"_self pt-cv-href-thumbnail pt-cv-thumb-default\" target=\"_self\" ><\/a>\n<div class=\"pt-cv-taxoterm above_title\"><a href='https:\/\/www.dmsjuridica.com\/buscador_20179478954\/corteconstitucionalcronologico202454587\/category\/buscar-en-toda-la-corte\/2005\/tutelas-2005\/' title='Tutelas 2005' class='pt-cv-tax-tutelas-2005'>Tutelas 2005<\/a><\/div>\n<h4 class=\"pt-cv-title\"><a href=\"https:\/\/www.dmsjuridica.com\/buscador_20179478954\/corteconstitucionalcronologico202454587\/t-078-05\/\" class=\"_self\" target=\"_self\" >T-078-05<\/a><\/h4>\n<div class=\"pt-cv-content\">\u00a0 \u00a0 Sentencia T-078\/05 \u00a0 PERSONA CON DISCAPACIDAD FISICA-Circunstancia de debilidad manifiesta\/PERSONA CON DISCAPACIDAD FISICA-Especial protecci\u00f3n por el Estado \u00a0 El Estado tiene la obligaci\u00f3n de proteger especialmente a aquellas personas que por su condici\u00f3n f\u00edsica, econ\u00f3mica o mental, se encuentren en circunstancias de debilidad manifiesta. As\u00ed mismo, establece que el Estado adelantar\u00e1 una pol\u00edtica de integraci\u00f3n social para los disminuidos f\u00edsicos, sensoriales y ps\u00edquicos y que prestar\u00e1 la atenci\u00f3n especializada a quienes lo requieran. Por \u00faltimo, dispone que la educaci\u00f3n de personas con limitaciones f\u00edsicas, o con capacidades excepcionales, son obligaciones especiales del Estado. A lo anterior debe agregarse ...<br \/><div class=\"pt-cv-rmwrap\"><a href=\"https:\/\/www.dmsjuridica.com\/buscador_20179478954\/corteconstitucionalcronologico202454587\/t-078-05\/\" class=\"_self pt-cv-readmore btn btn-success\" target=\"_self\">Ver Sentencia Completa...<\/a><\/div><\/div><\/div><\/div>\n<div class=\"col-md-12 col-sm-12 col-xs-12 pt-cv-content-item pt-cv-1-col\" ><div class='pt-cv-ifield'><a href=\"https:\/\/www.dmsjuridica.com\/buscador_20179478954\/corteconstitucionalcronologico202454587\/t-077-05\/\" class=\"_self pt-cv-href-thumbnail pt-cv-thumb-default\" target=\"_self\" ><\/a>\n<div class=\"pt-cv-taxoterm above_title\"><a href='https:\/\/www.dmsjuridica.com\/buscador_20179478954\/corteconstitucionalcronologico202454587\/category\/buscar-en-toda-la-corte\/2005\/tutelas-2005\/' title='Tutelas 2005' class='pt-cv-tax-tutelas-2005'>Tutelas 2005<\/a><\/div>\n<h4 class=\"pt-cv-title\"><a href=\"https:\/\/www.dmsjuridica.com\/buscador_20179478954\/corteconstitucionalcronologico202454587\/t-077-05\/\" class=\"_self\" target=\"_self\" >T-077-05<\/a><\/h4>\n<div class=\"pt-cv-content\">\u00a0 \u00a0 Sentencia T-077\/05 \u00a0 CONCURSO DE MERITOS-Nombramiento de quien obtuvo primer puesto \u00a0 CARRERA ADMINISTRATIVA Y JUDICIAL-Establecimiento de l\u00edmites por el legislador \u00a0 CARRERA JUDICIAL-Nombramiento atendiendo lista de elegibles y en estricto orden de resultados \u00a0 La Sala encuentra que, a pesar de que s\u00f3lo el candidato que encabeza el listado de elegibles puede ser designado en el cargo a proveer, la pluralidad del listado sigue garantizando los principios de eficiencia y eficacia del proceso de selecci\u00f3n, pues en los eventos en los que no sea posible nombrar en propiedad al primero de la lista, o en los casos ...<br \/><div class=\"pt-cv-rmwrap\"><a href=\"https:\/\/www.dmsjuridica.com\/buscador_20179478954\/corteconstitucionalcronologico202454587\/t-077-05\/\" class=\"_self pt-cv-readmore btn btn-success\" target=\"_self\">Ver Sentencia Completa...<\/a><\/div><\/div><\/div><\/div>\n<div class=\"col-md-12 col-sm-12 col-xs-12 pt-cv-content-item pt-cv-1-col\" ><div class='pt-cv-ifield'><a href=\"https:\/\/www.dmsjuridica.com\/buscador_20179478954\/corteconstitucionalcronologico202454587\/t-076-05\/\" class=\"_self pt-cv-href-thumbnail pt-cv-thumb-default\" target=\"_self\" ><\/a>\n<div class=\"pt-cv-taxoterm above_title\"><a href='https:\/\/www.dmsjuridica.com\/buscador_20179478954\/corteconstitucionalcronologico202454587\/category\/buscar-en-toda-la-corte\/2005\/tutelas-2005\/' title='Tutelas 2005' class='pt-cv-tax-tutelas-2005'>Tutelas 2005<\/a><\/div>\n<h4 class=\"pt-cv-title\"><a href=\"https:\/\/www.dmsjuridica.com\/buscador_20179478954\/corteconstitucionalcronologico202454587\/t-076-05\/\" class=\"_self\" target=\"_self\" >T-076-05<\/a><\/h4>\n<div class=\"pt-cv-content\">\u00a0 \u00a0 Sentencia T-076\/05 \u00a0 AFECTACION A VIVIENDA FAMILIAR-Noci\u00f3n \u00a0 La afectaci\u00f3n a vivienda familiar se constituye por acto entre vivos mediante escritura p\u00fablica otorgada por ambos c\u00f3nyuges o compa\u00f1eros permanentes, o conforme al procedimiento notarial o judicial establecido en la ley. Para el efecto, es indispensable acreditar que el inmueble no se posee con otra persona proindiviso (salvo que el bien sea propiedad de ambos c\u00f3nyuges o compa\u00f1eros permanentes) y que, adem\u00e1s, se encuentra destinado a la habitaci\u00f3n de la familia.\u00a0 \u00a0 PATRIMONIO DE FAMILIA Y AFECTACION A VIVIENDA FAMILIAR-Distinci\u00f3n \u00a0 AFECTACION A VIVIENDA FAMILIAR-Inembargabilidad y protecci\u00f3n de compa\u00f1ero ...<br \/><div class=\"pt-cv-rmwrap\"><a href=\"https:\/\/www.dmsjuridica.com\/buscador_20179478954\/corteconstitucionalcronologico202454587\/t-076-05\/\" class=\"_self pt-cv-readmore btn btn-success\" target=\"_self\">Ver Sentencia Completa...<\/a><\/div><\/div><\/div><\/div>\n<div class=\"col-md-12 col-sm-12 col-xs-12 pt-cv-content-item pt-cv-1-col\" ><div class='pt-cv-ifield'><a href=\"https:\/\/www.dmsjuridica.com\/buscador_20179478954\/corteconstitucionalcronologico202454587\/t-075-05\/\" class=\"_self pt-cv-href-thumbnail pt-cv-thumb-default\" target=\"_self\" ><\/a>\n<div class=\"pt-cv-taxoterm above_title\"><a href='https:\/\/www.dmsjuridica.com\/buscador_20179478954\/corteconstitucionalcronologico202454587\/category\/buscar-en-toda-la-corte\/2005\/tutelas-2005\/' title='Tutelas 2005' class='pt-cv-tax-tutelas-2005'>Tutelas 2005<\/a><\/div>\n<h4 class=\"pt-cv-title\"><a href=\"https:\/\/www.dmsjuridica.com\/buscador_20179478954\/corteconstitucionalcronologico202454587\/t-075-05\/\" class=\"_self\" target=\"_self\" >T-075-05<\/a><\/h4>\n<div class=\"pt-cv-content\">\u00a0 \u00a0 Sentencia T-075\/05 \u00a0 ACCION DE TUTELA-Hecho superado por atenci\u00f3n m\u00e9dica y realizaci\u00f3n de tratamiento \u00a0 ACCION DE TUTELA-Improcedencia para exoneraci\u00f3n de pago de gastos m\u00e9dicos \u00a0 Referencia: expediente T-943059 \u00a0 Demandado: Seguro Social -Seccional Atl\u00e1ntico- \u00a0 Magistrado Ponente:\u00a0 \u00a0 Dr. RODRIGO ESCOBAR GIL \u00a0 Bogot\u00e1, D.C., dos (2) de febrero de dos mil cinco (2005). \u00a0 La Sala Quinta de Revisi\u00f3n de la Corte Constitucional, integrada por los Magistrados Rodrigo Escobar Gil, Marco Gerardo Monroy Cabra y Humberto Antonio Sierra Porto, en ejercicio de sus competencias constitucionales y legales, ha pronunciado la siguiente: \u00a0 SENTENCIA \u00a0 En el ...<br \/><div class=\"pt-cv-rmwrap\"><a href=\"https:\/\/www.dmsjuridica.com\/buscador_20179478954\/corteconstitucionalcronologico202454587\/t-075-05\/\" class=\"_self pt-cv-readmore btn btn-success\" target=\"_self\">Ver Sentencia Completa...<\/a><\/div><\/div><\/div><\/div>\n<div class=\"col-md-12 col-sm-12 col-xs-12 pt-cv-content-item pt-cv-1-col\" ><div class='pt-cv-ifield'><a href=\"https:\/\/www.dmsjuridica.com\/buscador_20179478954\/corteconstitucionalcronologico202454587\/t-074-05\/\" class=\"_self pt-cv-href-thumbnail pt-cv-thumb-default\" target=\"_self\" ><\/a>\n<div class=\"pt-cv-taxoterm above_title\"><a href='https:\/\/www.dmsjuridica.com\/buscador_20179478954\/corteconstitucionalcronologico202454587\/category\/buscar-en-toda-la-corte\/2005\/tutelas-2005\/' title='Tutelas 2005' class='pt-cv-tax-tutelas-2005'>Tutelas 2005<\/a><\/div>\n<h4 class=\"pt-cv-title\"><a href=\"https:\/\/www.dmsjuridica.com\/buscador_20179478954\/corteconstitucionalcronologico202454587\/t-074-05\/\" class=\"_self\" target=\"_self\" >T-074-05<\/a><\/h4>\n<div class=\"pt-cv-content\">\u00a0 \u00a0 Sentencia T-074\/05\u00a0 \u00a0 DERECHO A LA SALUD DEL ENFERMO DE SIDA-Fundamental por conexidad con la vida\/DERECHO A LA SALUD Y A LA VIDA DEL ENFERMO DE SIDA-Vulneraci\u00f3n por no realizar examen prescrito por especialista\u00a0 \u00a0 DERECHO A LA SALUD DEL ENFERMO DE SIDA-Realizaci\u00f3n de diagn\u00f3stico y tratamiento aunque est\u00e9n excluidos del POS \u00a0 INAPLICACION DE NORMAS DEL PLAN OBLIGATORIO DE SALUD-Hip\u00f3tesis f\u00e1cticas que la determinan \u00a0 DERECHO A LA SALUD DEL ENFERMO DE SIDA-Examen de carga viral\u00a0 \u00a0 Referencia: expediente T-1004643 \u00a0 Acci\u00f3n de tutela presentada por Julio Abella Rivera, contra Humanavivir EPS seccional Bogot\u00e1.\u00a0 \u00a0 Procedencia: Juzgado ...<br \/><div class=\"pt-cv-rmwrap\"><a href=\"https:\/\/www.dmsjuridica.com\/buscador_20179478954\/corteconstitucionalcronologico202454587\/t-074-05\/\" class=\"_self pt-cv-readmore btn btn-success\" target=\"_self\">Ver Sentencia Completa...<\/a><\/div><\/div><\/div><\/div>\n<div class=\"col-md-12 col-sm-12 col-xs-12 pt-cv-content-item pt-cv-1-col\" ><div class='pt-cv-ifield'><a href=\"https:\/\/www.dmsjuridica.com\/buscador_20179478954\/corteconstitucionalcronologico202454587\/t-073-05\/\" class=\"_self pt-cv-href-thumbnail pt-cv-thumb-default\" target=\"_self\" ><\/a>\n<div class=\"pt-cv-taxoterm above_title\"><a href='https:\/\/www.dmsjuridica.com\/buscador_20179478954\/corteconstitucionalcronologico202454587\/category\/buscar-en-toda-la-corte\/2005\/tutelas-2005\/' title='Tutelas 2005' class='pt-cv-tax-tutelas-2005'>Tutelas 2005<\/a><\/div>\n<h4 class=\"pt-cv-title\"><a href=\"https:\/\/www.dmsjuridica.com\/buscador_20179478954\/corteconstitucionalcronologico202454587\/t-073-05\/\" class=\"_self\" target=\"_self\" >T-073-05<\/a><\/h4>\n<div class=\"pt-cv-content\">\u00a0 \u00a0 Sentencia T-073\/05\u00a0 \u00a0 ACCION DE TUTELA CONTRA PARTICULARES-Procedencia excepcional \u00a0 REVOCATORIA DIRECTA DE ACTO ADMINISTRATIVO PARTICULAR Y CONCRETO-Protecci\u00f3n de derechos adquiridos frente a particulares \u00a0 ACTO ADMINISTRATIVO PARTICULAR Y CONCRETO-No puede ser desconocido unilateralmente por la autoridad p\u00fablica \u00a0 PENSION DE JUBILACION-Revocatoria unilateral de acto por entidad privada sin consentimiento expreso y escrito del titular \u00a0 No es suficiente la simple afirmaci\u00f3n del particular sobre el convencimiento y validez de sus razones para revocar o suspender un derecho en cabeza de un individuo, trasladando a \u00e9ste la carga de discutir si es o no legitima la decisi\u00f3n ante ...<br \/><div class=\"pt-cv-rmwrap\"><a href=\"https:\/\/www.dmsjuridica.com\/buscador_20179478954\/corteconstitucionalcronologico202454587\/t-073-05\/\" class=\"_self pt-cv-readmore btn btn-success\" target=\"_self\">Ver Sentencia Completa...<\/a><\/div><\/div><\/div><\/div>\n<div class=\"col-md-12 col-sm-12 col-xs-12 pt-cv-content-item pt-cv-1-col\" ><div class='pt-cv-ifield'><a href=\"https:\/\/www.dmsjuridica.com\/buscador_20179478954\/corteconstitucionalcronologico202454587\/t-072-05\/\" class=\"_self pt-cv-href-thumbnail pt-cv-thumb-default\" target=\"_self\" ><\/a>\n<div class=\"pt-cv-taxoterm above_title\"><a href='https:\/\/www.dmsjuridica.com\/buscador_20179478954\/corteconstitucionalcronologico202454587\/category\/buscar-en-toda-la-corte\/2005\/tutelas-2005\/' title='Tutelas 2005' class='pt-cv-tax-tutelas-2005'>Tutelas 2005<\/a><\/div>\n<h4 class=\"pt-cv-title\"><a href=\"https:\/\/www.dmsjuridica.com\/buscador_20179478954\/corteconstitucionalcronologico202454587\/t-072-05\/\" class=\"_self\" target=\"_self\" >T-072-05<\/a><\/h4>\n<div class=\"pt-cv-content\">\u00a0 \u00a0 Sentencia T-072\/05 \u00a0 ACCION DE TUTELA-Hecho superado por inscripci\u00f3n de sindicato en el registro sindical\u00a0 \u00a0 ACCION DE TUTELA INTERPUESTA POR SINDICATO-Protecci\u00f3n derechos fundamentales \u00a0 SINDICATO-Personer\u00eda jur\u00eddica\u00a0 \u00a0 DERECHO DE ASOCIACION SINDICAL-Vulneraci\u00f3n por despidos colectivos de trabajadores sindicalizados \u00a0 Referencia: expedientes T-975277 \u2013 977602 acumulados \u00a0 Peticionarios: Miguel Arturo Ricardo Orozco(T-975277). \u00a0Mar\u00eda Mercedes Silva Arteaga y otro (977602). \u00a0 Magistrado Ponente: \u00a0 Dr. ALFREDO BELTR\u00c1N SIERRA \u00a0 Bogot\u00e1, D.C., tres (3) de febrero de dos mil cinco (2005). \u00a0 La Sala Segunda de Revisi\u00f3n de la Corte Constitucional, integrada por los magistrados, Alfredo Beltr\u00e1n Sierra, Manuel Jos\u00e9 Cepeda ...<br \/><div class=\"pt-cv-rmwrap\"><a href=\"https:\/\/www.dmsjuridica.com\/buscador_20179478954\/corteconstitucionalcronologico202454587\/t-072-05\/\" class=\"_self pt-cv-readmore btn btn-success\" target=\"_self\">Ver Sentencia Completa...<\/a><\/div><\/div><\/div><\/div>\n<div class=\"col-md-12 col-sm-12 col-xs-12 pt-cv-content-item pt-cv-1-col\" ><div class='pt-cv-ifield'><a href=\"https:\/\/www.dmsjuridica.com\/buscador_20179478954\/corteconstitucionalcronologico202454587\/t-071-05\/\" class=\"_self pt-cv-href-thumbnail pt-cv-thumb-default\" target=\"_self\" ><\/a>\n<div class=\"pt-cv-taxoterm above_title\"><a href='https:\/\/www.dmsjuridica.com\/buscador_20179478954\/corteconstitucionalcronologico202454587\/category\/buscar-en-toda-la-corte\/2005\/tutelas-2005\/' title='Tutelas 2005' class='pt-cv-tax-tutelas-2005'>Tutelas 2005<\/a><\/div>\n<h4 class=\"pt-cv-title\"><a href=\"https:\/\/www.dmsjuridica.com\/buscador_20179478954\/corteconstitucionalcronologico202454587\/t-071-05\/\" class=\"_self\" target=\"_self\" >T-071-05<\/a><\/h4>\n<div class=\"pt-cv-content\">\u00a0 \u00a0 Sentencia T-071\/05 \u00a0 PROCESO EJECUTIVO-Objeto\u00a0 \u00a0 El proceso de ejecuci\u00f3n busca como su nombre lo indica que se ejecute una obligaci\u00f3n; que no quede en forma ilusoria contenida en otro proceso o comprobada en un t\u00edtulo a la espera de su efectividad. Se trata de un derecho sobre el cual no existe incertidumbre sino simplemente que no ha sido satisfecho. Por tanto, a trav\u00e9s del proceso ejecutivo, se pretende hacer efectivo un derecho que ya existe. \u00a0 VIA DE HECHO EN PROCESO EJECUTIVO LABORAL-Desconocimiento de sentencia de condena al no ordenar el pago de la diferencia salarial desde ...<br \/><div class=\"pt-cv-rmwrap\"><a href=\"https:\/\/www.dmsjuridica.com\/buscador_20179478954\/corteconstitucionalcronologico202454587\/t-071-05\/\" class=\"_self pt-cv-readmore btn btn-success\" target=\"_self\">Ver Sentencia Completa...<\/a><\/div><\/div><\/div><\/div>\n<div class=\"col-md-12 col-sm-12 col-xs-12 pt-cv-content-item pt-cv-1-col\" ><div class='pt-cv-ifield'><a href=\"https:\/\/www.dmsjuridica.com\/buscador_20179478954\/corteconstitucionalcronologico202454587\/t-069-05\/\" class=\"_self pt-cv-href-thumbnail pt-cv-thumb-default\" target=\"_self\" ><\/a>\n<div class=\"pt-cv-taxoterm above_title\"><a href='https:\/\/www.dmsjuridica.com\/buscador_20179478954\/corteconstitucionalcronologico202454587\/category\/buscar-en-toda-la-corte\/2005\/tutelas-2005\/' title='Tutelas 2005' class='pt-cv-tax-tutelas-2005'>Tutelas 2005<\/a><\/div>\n<h4 class=\"pt-cv-title\"><a href=\"https:\/\/www.dmsjuridica.com\/buscador_20179478954\/corteconstitucionalcronologico202454587\/t-069-05\/\" class=\"_self\" target=\"_self\" >T-069-05<\/a><\/h4>\n<div class=\"pt-cv-content\">\u00a0 \u00a0 Sentencia T-069\/05 \u00a0 DERECHO A LA SALUD DEL MENOR DISCAPACITADO-Protecci\u00f3n especial\/DERECHO A LA SALUD DEL MENOR DISCAPACITADO-Prestaci\u00f3n de mejor asistencia integral y especializada \u00a0 Tal como se se\u00f1ala en el art\u00edculo 44 de la Constituci\u00f3n Pol\u00edtica, los derechos a la salud y a la seguridad social, son derechos constitucionales fundamentales de los ni\u00f1os, que deben ser tutelados como una obligaci\u00f3n del Estado, es decir que los menores, tienen derecho a acceder a la atenci\u00f3n integral en salud, mediante los reg\u00edmenes que el ordenamiento jur\u00eddico ha establecido para ello. Sin embargo, en aquellos eventos en que el menor no ...<br \/><div class=\"pt-cv-rmwrap\"><a href=\"https:\/\/www.dmsjuridica.com\/buscador_20179478954\/corteconstitucionalcronologico202454587\/t-069-05\/\" class=\"_self pt-cv-readmore btn btn-success\" target=\"_self\">Ver Sentencia Completa...<\/a><\/div><\/div><\/div><\/div>\n<div class=\"col-md-12 col-sm-12 col-xs-12 pt-cv-content-item pt-cv-1-col\" ><div class='pt-cv-ifield'><a href=\"https:\/\/www.dmsjuridica.com\/buscador_20179478954\/corteconstitucionalcronologico202454587\/t-068-05\/\" class=\"_self pt-cv-href-thumbnail pt-cv-thumb-default\" target=\"_self\" ><\/a>\n<div class=\"pt-cv-taxoterm above_title\"><a href='https:\/\/www.dmsjuridica.com\/buscador_20179478954\/corteconstitucionalcronologico202454587\/category\/buscar-en-toda-la-corte\/2005\/tutelas-2005\/' title='Tutelas 2005' class='pt-cv-tax-tutelas-2005'>Tutelas 2005<\/a><\/div>\n<h4 class=\"pt-cv-title\"><a href=\"https:\/\/www.dmsjuridica.com\/buscador_20179478954\/corteconstitucionalcronologico202454587\/t-068-05\/\" class=\"_self\" target=\"_self\" >T-068-05<\/a><\/h4>\n<div class=\"pt-cv-content\">\u00a0 \u00a0 Sentencia T-068\/05 \u00a0 ACCION DE TUTELA CONTRA PROVIDENCIAS JUDICIALES POR VIA DE HECHO-Procedencia excepcional para la protecci\u00f3n de derechos fundamentales \u00a0 VIA DE HECHO-Obligaci\u00f3n para el juez constitucional de restablecer derechos fundamentales \u00a0 VIA DE HECHO-Clases de defectos \u00a0 ACCION DE TUTELA-Car\u00e1cter subsidiario y residual\/ACCION DE TUTELA CONTRA PROVIDENCIAS JUDICIALES POR VIA DE HECHO-Procedencia por no existir otros recursos o mecanismos de defensa \u00a0 ACCION DE TUTELA CONTRA PROVIDENCIAS JUDICIALES-Requisitos para procedencia excepcional \u00a0 La procedencia de la acci\u00f3n de tutela contra providencias judiciales es excepcional y esta condicionada al cumplimiento de los siguientes tres requisitos, a saber: ...<br \/><div class=\"pt-cv-rmwrap\"><a href=\"https:\/\/www.dmsjuridica.com\/buscador_20179478954\/corteconstitucionalcronologico202454587\/t-068-05\/\" class=\"_self pt-cv-readmore btn btn-success\" target=\"_self\">Ver Sentencia Completa...<\/a><\/div><\/div><\/div><\/div>\n<div class=\"col-md-12 col-sm-12 col-xs-12 pt-cv-content-item pt-cv-1-col\" ><div class='pt-cv-ifield'><a href=\"https:\/\/www.dmsjuridica.com\/buscador_20179478954\/corteconstitucionalcronologico202454587\/t-067-05\/\" class=\"_self pt-cv-href-thumbnail pt-cv-thumb-default\" target=\"_self\" ><\/a>\n<div class=\"pt-cv-taxoterm above_title\"><a href='https:\/\/www.dmsjuridica.com\/buscador_20179478954\/corteconstitucionalcronologico202454587\/category\/buscar-en-toda-la-corte\/2005\/tutelas-2005\/' title='Tutelas 2005' class='pt-cv-tax-tutelas-2005'>Tutelas 2005<\/a><\/div>\n<h4 class=\"pt-cv-title\"><a href=\"https:\/\/www.dmsjuridica.com\/buscador_20179478954\/corteconstitucionalcronologico202454587\/t-067-05\/\" class=\"_self\" target=\"_self\" >T-067-05<\/a><\/h4>\n<div class=\"pt-cv-content\">\u00a0 \u00a0 Sentencia T-067\/05 \u00a0 ACCION DE TUTELA TEMERARIA-Presupuestos \u00a0 ACCION DE TUTELA TEMERARIA-Inexistencia en caso de suministro de medicamento prescrito por m\u00e9dico tratante\/ACCION DE TUTELA TEMERARIA-Inexistencia por existir hechos nuevos \u00a0 Es claro que la peticionaria ha solicitado en dos ocasiones anteriores, por medio de acciones de tutela, la entrega de los medicamentos prescritos por su m\u00e9dico tratante. Lo anterior, no puede ser considerado como una actuaci\u00f3n temeraria, toda vez que las peticiones fueron presentadas en periodos distintos atendiendo a circunstancias distintas en la evoluci\u00f3n de la enfermedad y en el momento en los que la accionante requiri\u00f3 los ...<br \/><div class=\"pt-cv-rmwrap\"><a href=\"https:\/\/www.dmsjuridica.com\/buscador_20179478954\/corteconstitucionalcronologico202454587\/t-067-05\/\" class=\"_self pt-cv-readmore btn btn-success\" target=\"_self\">Ver Sentencia Completa...<\/a><\/div><\/div><\/div><\/div>\n<div class=\"col-md-12 col-sm-12 col-xs-12 pt-cv-content-item pt-cv-1-col\" ><div class='pt-cv-ifield'><a href=\"https:\/\/www.dmsjuridica.com\/buscador_20179478954\/corteconstitucionalcronologico202454587\/t-066-05\/\" class=\"_self pt-cv-href-thumbnail pt-cv-thumb-default\" target=\"_self\" ><\/a>\n<div class=\"pt-cv-taxoterm above_title\"><a href='https:\/\/www.dmsjuridica.com\/buscador_20179478954\/corteconstitucionalcronologico202454587\/category\/buscar-en-toda-la-corte\/2005\/tutelas-2005\/' title='Tutelas 2005' class='pt-cv-tax-tutelas-2005'>Tutelas 2005<\/a><\/div>\n<h4 class=\"pt-cv-title\"><a href=\"https:\/\/www.dmsjuridica.com\/buscador_20179478954\/corteconstitucionalcronologico202454587\/t-066-05\/\" class=\"_self\" target=\"_self\" >T-066-05<\/a><\/h4>\n<div class=\"pt-cv-content\">\u00a0 \u00a0 Sentencia T-066\/05 \u00a0 ACCION DE TUTELA-Procedencia excepcional para protecci\u00f3n de derechos fundamentales\/ACCION DE TUTELA CONTRA PROVIDENCIAS JUDICIALES POR VIA DE HECHO-Procedencia excepcional para la protecci\u00f3n de derechos fundamentales \u00a0 VIA DE HECHO-Obligaci\u00f3n para el juez constitucional de restablecer derechos fundamentales \u00a0 VIA DE HECHO-Clases de defectos \u00a0 ACCION DE TUTELA-Car\u00e1cter subsidiario y residual\/ACCION DE TUTELA CONTRA PROVIDENCIAS JUDICIALES-Falta de previsi\u00f3n de recursos o mecanismos de defensa \u00a0 DERECHO A LA ASISTENCIA DE UN ABOGADO EN PROCESO PENAL-Garant\u00eda a trav\u00e9s de su nombramiento\/PROCESO PENAL-Ejercicio concreto y diligente de la defensa t\u00e9cnica\/PROCESAMIENTO PENAL EN AUSENCIA DEL SINDICADO-Procedencia \u00a0 Nuestro sistema ...<br \/><div class=\"pt-cv-rmwrap\"><a href=\"https:\/\/www.dmsjuridica.com\/buscador_20179478954\/corteconstitucionalcronologico202454587\/t-066-05\/\" class=\"_self pt-cv-readmore btn btn-success\" target=\"_self\">Ver Sentencia Completa...<\/a><\/div><\/div><\/div><\/div>\n<div class=\"col-md-12 col-sm-12 col-xs-12 pt-cv-content-item pt-cv-1-col\" ><div class='pt-cv-ifield'><a href=\"https:\/\/www.dmsjuridica.com\/buscador_20179478954\/corteconstitucionalcronologico202454587\/t-058-05\/\" class=\"_self pt-cv-href-thumbnail pt-cv-thumb-default\" target=\"_self\" ><\/a>\n<div class=\"pt-cv-taxoterm above_title\"><a href='https:\/\/www.dmsjuridica.com\/buscador_20179478954\/corteconstitucionalcronologico202454587\/category\/buscar-en-toda-la-corte\/2005\/tutelas-2005\/' title='Tutelas 2005' class='pt-cv-tax-tutelas-2005'>Tutelas 2005<\/a><\/div>\n<h4 class=\"pt-cv-title\"><a href=\"https:\/\/www.dmsjuridica.com\/buscador_20179478954\/corteconstitucionalcronologico202454587\/t-058-05\/\" class=\"_self\" target=\"_self\" >T-058-05<\/a><\/h4>\n<div class=\"pt-cv-content\">\u00a0 \u00a0 Sentencia T-058\/05 \u00a0 SENTENCIA DE REVISION DE TUTELA-Breve justificaci\u00f3n \u00a0 DERECHO DE PETICION EN MATERIA PENSIONAL-T\u00e9rminos para resolver\/DERECHO DE PETICION PARA RESOLVER SOLICITUD DE PENSIONES-T\u00e9rmino de cuatro meses \u00a0 DERECHO DE PETICION-Requisitos de la respuesta \u00a0 DERECHO DE PETICION ANTE ENTIDAD MUNICIPAL-Hecho superado por respuesta sobre reconocimiento pensi\u00f3n de vejez \u00a0 Referencia: expediente T-991245 \u00a0 Acci\u00f3n de tutela instaurada por Jos\u00e9 Alberto Palacios contra el Municipio del Cant\u00f3n de San Pablo \u00a0 Magistrado Ponente: \u00a0 Dr. JAIME ARA\u00daJO RENTER\u00cdA \u00a0 Bogot\u00e1, D. C., treinta y uno (31) de \u00a0enero de dos mil cinco (2005). \u00a0 La Sala Primera ...<br \/><div class=\"pt-cv-rmwrap\"><a href=\"https:\/\/www.dmsjuridica.com\/buscador_20179478954\/corteconstitucionalcronologico202454587\/t-058-05\/\" class=\"_self pt-cv-readmore btn btn-success\" target=\"_self\">Ver Sentencia Completa...<\/a><\/div><\/div><\/div><\/div>\n<div class=\"col-md-12 col-sm-12 col-xs-12 pt-cv-content-item pt-cv-1-col\" ><div class='pt-cv-ifield'><a href=\"https:\/\/www.dmsjuridica.com\/buscador_20179478954\/corteconstitucionalcronologico202454587\/t-057-05\/\" class=\"_self pt-cv-href-thumbnail pt-cv-thumb-default\" target=\"_self\" ><\/a>\n<div class=\"pt-cv-taxoterm above_title\"><a href='https:\/\/www.dmsjuridica.com\/buscador_20179478954\/corteconstitucionalcronologico202454587\/category\/buscar-en-toda-la-corte\/2005\/tutelas-2005\/' title='Tutelas 2005' class='pt-cv-tax-tutelas-2005'>Tutelas 2005<\/a><\/div>\n<h4 class=\"pt-cv-title\"><a href=\"https:\/\/www.dmsjuridica.com\/buscador_20179478954\/corteconstitucionalcronologico202454587\/t-057-05\/\" class=\"_self\" target=\"_self\" >T-057-05<\/a><\/h4>\n<div class=\"pt-cv-content\">\u00a0 \u00a0 Sentencia T-057\/05 \u00a0 DEBIDO PROCESO ADMINISTRATIVO-Respeto por las formas propias de cada juicio \u00a0 El respeto por las formas propias de cada juicio debe ir encaminado a hacer efectivos los derechos fundamentes de los ciudadanos y a la materializaci\u00f3n del derecho material. \u00a0 REVOCATORIA DIRECTA DE ACTO ADMINISTRATIVO PARTICULAR Y CONCRETO-Consentimiento expreso y escrito del titular\/REVOCATORIA DIRECTA DE ACTO ADMINISTRATIVO PARTICULAR Y CONCRETO-Casos en que procede sin la autorizaci\u00f3n previa del particular\/REVOCATORIA DE ACTO ADMINISTRATIVO-Ante falta de consentimiento del titular entidad deber\u00e1 demandar \u00a0 REVOCATORIA DE ACTO ADMINISTRATIVO-Reconocimiento y pago de prestaci\u00f3n denominada \u201cquinquenio\u201d \u00a0 DERECHO AL DEBIDO ...<br \/><div class=\"pt-cv-rmwrap\"><a href=\"https:\/\/www.dmsjuridica.com\/buscador_20179478954\/corteconstitucionalcronologico202454587\/t-057-05\/\" class=\"_self pt-cv-readmore btn btn-success\" target=\"_self\">Ver Sentencia Completa...<\/a><\/div><\/div><\/div><\/div>\n<div class=\"col-md-12 col-sm-12 col-xs-12 pt-cv-content-item pt-cv-1-col\" ><div class='pt-cv-ifield'><a href=\"https:\/\/www.dmsjuridica.com\/buscador_20179478954\/corteconstitucionalcronologico202454587\/t-056-05\/\" class=\"_self pt-cv-href-thumbnail pt-cv-thumb-default\" target=\"_self\" ><\/a>\n<div class=\"pt-cv-taxoterm above_title\"><a href='https:\/\/www.dmsjuridica.com\/buscador_20179478954\/corteconstitucionalcronologico202454587\/category\/buscar-en-toda-la-corte\/2005\/tutelas-2005\/' title='Tutelas 2005' class='pt-cv-tax-tutelas-2005'>Tutelas 2005<\/a><\/div>\n<h4 class=\"pt-cv-title\"><a href=\"https:\/\/www.dmsjuridica.com\/buscador_20179478954\/corteconstitucionalcronologico202454587\/t-056-05\/\" class=\"_self\" target=\"_self\" >T-056-05<\/a><\/h4>\n<div class=\"pt-cv-content\">\u00a0 \u00a0 Sentencia T-056\/05 \u00a0 JUEZ-Autonom\u00eda e independencia para proferir decisiones\/AUTONOMIA E INDEPENDENCIA DEL JUEZ-L\u00edmites \u00a0 DEBIDO PROCESO-Procedencia de tutela por separaci\u00f3n de los preceptos legales y constitucionales \u00a0 En el evento en el que el juez ordinario no observa el derecho consagrado en el art\u00edculo 29 de la Carta, cuando el juez constitucional est\u00e1 llamado a intervenir por v\u00eda de tutela. De verificar que en el tr\u00e1mite de cualquier proceso, uno o varios jueces, bien se trate de un individuo o de un cuerpo colegiado, incurrieron en \u00a0un exceso, en una grosera y flagrante separaci\u00f3n de los preceptos legales ...<br \/><div class=\"pt-cv-rmwrap\"><a href=\"https:\/\/www.dmsjuridica.com\/buscador_20179478954\/corteconstitucionalcronologico202454587\/t-056-05\/\" class=\"_self pt-cv-readmore btn btn-success\" target=\"_self\">Ver Sentencia Completa...<\/a><\/div><\/div><\/div><\/div>\n<div class=\"col-md-12 col-sm-12 col-xs-12 pt-cv-content-item pt-cv-1-col\" ><div class='pt-cv-ifield'><a href=\"https:\/\/www.dmsjuridica.com\/buscador_20179478954\/corteconstitucionalcronologico202454587\/t-055-05\/\" class=\"_self pt-cv-href-thumbnail pt-cv-thumb-default\" target=\"_self\" ><\/a>\n<div class=\"pt-cv-taxoterm above_title\"><a href='https:\/\/www.dmsjuridica.com\/buscador_20179478954\/corteconstitucionalcronologico202454587\/category\/buscar-en-toda-la-corte\/2005\/tutelas-2005\/' title='Tutelas 2005' class='pt-cv-tax-tutelas-2005'>Tutelas 2005<\/a><\/div>\n<h4 class=\"pt-cv-title\"><a href=\"https:\/\/www.dmsjuridica.com\/buscador_20179478954\/corteconstitucionalcronologico202454587\/t-055-05\/\" class=\"_self\" target=\"_self\" >T-055-05<\/a><\/h4>\n<div class=\"pt-cv-content\">\u00a0 \u00a0 Sentencia T-055\/05 \u00a0 PRINCIPIO DE PUBLICIDAD EN ACTUACION JUDICIAL Y DERECHO DE DEFENSA \u00a0 El principio de publicidad en la administraci\u00f3n de justicia se encuentra \u00edntimamente ligado tambi\u00e9n con el derecho de defensa, puesto que si las actuaciones o decisiones no son p\u00fablicas, dif\u00edcilmente los sujetos procesales tendr\u00e1n la posibilidad de ejercer la contradicci\u00f3n al interior del proceso respectivo. De ah\u00ed, que los actos de notificaci\u00f3n, de citaci\u00f3n y, en general, de publicidad al interior del procedimiento est\u00e9n revestidos de cierta solemnidad e importancia, pues, a trav\u00e9s de ellos, se garantiza efectivamente que las personas puedan conocer y ...<br \/><div class=\"pt-cv-rmwrap\"><a href=\"https:\/\/www.dmsjuridica.com\/buscador_20179478954\/corteconstitucionalcronologico202454587\/t-055-05\/\" class=\"_self pt-cv-readmore btn btn-success\" target=\"_self\">Ver Sentencia Completa...<\/a><\/div><\/div><\/div><\/div>\n<div class=\"col-md-12 col-sm-12 col-xs-12 pt-cv-content-item pt-cv-1-col\" ><div class='pt-cv-ifield'><a href=\"https:\/\/www.dmsjuridica.com\/buscador_20179478954\/corteconstitucionalcronologico202454587\/t-054-05\/\" class=\"_self pt-cv-href-thumbnail pt-cv-thumb-default\" target=\"_self\" ><\/a>\n<div class=\"pt-cv-taxoterm above_title\"><a href='https:\/\/www.dmsjuridica.com\/buscador_20179478954\/corteconstitucionalcronologico202454587\/category\/buscar-en-toda-la-corte\/2005\/tutelas-2005\/' title='Tutelas 2005' class='pt-cv-tax-tutelas-2005'>Tutelas 2005<\/a><\/div>\n<h4 class=\"pt-cv-title\"><a href=\"https:\/\/www.dmsjuridica.com\/buscador_20179478954\/corteconstitucionalcronologico202454587\/t-054-05\/\" class=\"_self\" target=\"_self\" >T-054-05<\/a><\/h4>\n<div class=\"pt-cv-content\">ADMINISTRACION PUBLICA-Provisi\u00f3n de empleos\/CARRERA ADMINISTRATIVA-Provisi\u00f3n de empleos \u00a0 La administraci\u00f3n est\u00e1 facultada para crear, modificar, reorganizar y suprimir los cargos de su planta de personal. No obstante, tal discrecionalidad no es absoluta, pues ella debe actuar buscando la eficiencia en la prestaci\u00f3n del servicio p\u00fablico y asegurando la materializaci\u00f3n de los principios de igualdad, moralidad, eficacia, econom\u00eda, celeridad, imparcialidad y publicidad consagrados en el art\u00edculo 209 de la Carta Pol\u00edtica. As\u00ed mismo, dicha facultad est\u00e1 limitada por el art\u00edculo 125 ib\u00eddem que condiciona a la administraci\u00f3n en materia de provisi\u00f3n de cargos, los cuales, por regla general, son de carrera ...<br \/><div class=\"pt-cv-rmwrap\"><a href=\"https:\/\/www.dmsjuridica.com\/buscador_20179478954\/corteconstitucionalcronologico202454587\/t-054-05\/\" class=\"_self pt-cv-readmore btn btn-success\" target=\"_self\">Ver Sentencia Completa...<\/a><\/div><\/div><\/div><\/div>\n<div class=\"col-md-12 col-sm-12 col-xs-12 pt-cv-content-item pt-cv-1-col\" ><div class='pt-cv-ifield'><a href=\"https:\/\/www.dmsjuridica.com\/buscador_20179478954\/corteconstitucionalcronologico202454587\/t-053-05\/\" class=\"_self pt-cv-href-thumbnail pt-cv-thumb-default\" target=\"_self\" ><\/a>\n<div class=\"pt-cv-taxoterm above_title\"><a href='https:\/\/www.dmsjuridica.com\/buscador_20179478954\/corteconstitucionalcronologico202454587\/category\/buscar-en-toda-la-corte\/2005\/tutelas-2005\/' title='Tutelas 2005' class='pt-cv-tax-tutelas-2005'>Tutelas 2005<\/a><\/div>\n<h4 class=\"pt-cv-title\"><a href=\"https:\/\/www.dmsjuridica.com\/buscador_20179478954\/corteconstitucionalcronologico202454587\/t-053-05\/\" class=\"_self\" target=\"_self\" >T-053-05<\/a><\/h4>\n<div class=\"pt-cv-content\">\u00a0 \u00a0 Sentencia T-053\/05 \u00a0 ACCION DE TUTELA-Procedencia excepcional para protecci\u00f3n de derechos fundamentales\/ACCION DE TUTELA CONTRA PROVIDENCIAS JUDICIALES POR VIA DE HECHO-Procedencia excepcional para la protecci\u00f3n de derechos fundamentales \u00a0 VIA DE HECHO-Requisitos\/VIA DE HECHO-Clases de defectos \u00a0 VIA DE HECHO-Defecto procedimental \u00a0 CUMPLIMIENTO FALLO DE TUTELA E INCIDENTE DE DESACATO-Diferencias \u00a0 DERECHO AL DEBIDO PROCESO Y DEFENSA-Desconocimiento desde el inicio del tr\u00e1mite de incidente de desacato \u00a0 ACCION DE TUTELA-Cumplimiento de fallos judiciales \u00a0 La Constituci\u00f3n Pol\u00edtica, dispone en su articulo 228 que las decisiones judiciales ser\u00e1n independientes y que la administraci\u00f3n de justicia es una funci\u00f3n p\u00fablica, ...<br \/><div class=\"pt-cv-rmwrap\"><a href=\"https:\/\/www.dmsjuridica.com\/buscador_20179478954\/corteconstitucionalcronologico202454587\/t-053-05\/\" class=\"_self pt-cv-readmore btn btn-success\" target=\"_self\">Ver Sentencia Completa...<\/a><\/div><\/div><\/div><\/div>\n<div class=\"col-md-12 col-sm-12 col-xs-12 pt-cv-content-item pt-cv-1-col\" ><div class='pt-cv-ifield'><a href=\"https:\/\/www.dmsjuridica.com\/buscador_20179478954\/corteconstitucionalcronologico202454587\/t-052-05\/\" class=\"_self pt-cv-href-thumbnail pt-cv-thumb-default\" target=\"_self\" ><\/a>\n<div class=\"pt-cv-taxoterm above_title\"><a href='https:\/\/www.dmsjuridica.com\/buscador_20179478954\/corteconstitucionalcronologico202454587\/category\/buscar-en-toda-la-corte\/2005\/tutelas-2005\/' title='Tutelas 2005' class='pt-cv-tax-tutelas-2005'>Tutelas 2005<\/a><\/div>\n<h4 class=\"pt-cv-title\"><a href=\"https:\/\/www.dmsjuridica.com\/buscador_20179478954\/corteconstitucionalcronologico202454587\/t-052-05\/\" class=\"_self\" target=\"_self\" >T-052-05<\/a><\/h4>\n<div class=\"pt-cv-content\">\u00a0 \u00a0 Sentencia T-052\/05 \u00a0 ACCION DE TUTELA-Hecho superado por libertad y traslado de internos \u00a0 Referencia: expediente T-966717 \u00a0 Acci\u00f3n de tutela de Sandra Mar\u00eda Rojas Manrique contra el Ministerio del Interior y de Justicia, la Direcci\u00f3n Regional Noroeste del INPEC y el alcalde municipal, el comandante de la estaci\u00f3n de polic\u00eda y el fiscal seccional de Dabeiba. \u00a0 Magistrado Ponente: \u00a0 \u00a0 Dr. JAIME C\u00d3RDOBA TRIVI\u00d1O \u00a0 Bogot\u00e1, D. C., veintiocho \u00a0(28) \u00a0de enero de dos mil cinco \u00a0(2005). \u00a0 La Sala Cuarta de Revisi\u00f3n de la Corte Constitucional, en ejercicio de sus competencias constitucionales y legales, ha ...<br \/><div class=\"pt-cv-rmwrap\"><a href=\"https:\/\/www.dmsjuridica.com\/buscador_20179478954\/corteconstitucionalcronologico202454587\/t-052-05\/\" class=\"_self pt-cv-readmore btn btn-success\" target=\"_self\">Ver Sentencia Completa...<\/a><\/div><\/div><\/div><\/div>\n<div class=\"col-md-12 col-sm-12 col-xs-12 pt-cv-content-item pt-cv-1-col\" ><div class='pt-cv-ifield'><a href=\"https:\/\/www.dmsjuridica.com\/buscador_20179478954\/corteconstitucionalcronologico202454587\/t-051-05\/\" class=\"_self pt-cv-href-thumbnail pt-cv-thumb-default\" target=\"_self\" ><\/a>\n<div class=\"pt-cv-taxoterm above_title\"><a href='https:\/\/www.dmsjuridica.com\/buscador_20179478954\/corteconstitucionalcronologico202454587\/category\/buscar-en-toda-la-corte\/2005\/tutelas-2005\/' title='Tutelas 2005' class='pt-cv-tax-tutelas-2005'>Tutelas 2005<\/a><\/div>\n<h4 class=\"pt-cv-title\"><a href=\"https:\/\/www.dmsjuridica.com\/buscador_20179478954\/corteconstitucionalcronologico202454587\/t-051-05\/\" class=\"_self\" target=\"_self\" >T-051-05<\/a><\/h4>\n<div class=\"pt-cv-content\">\u00a0 \u00a0 Sentencia T-051\/05 \u00a0 RELACION LABORAL-Obligaciones rec\u00edprocas\/SALARIO-Contraprestaci\u00f3n del trabajador por labor desempe\u00f1ada \u00a0 EMPRESA EN LIQUIDACION OBLIGATORIA-Pago oportuno de obligaciones con ocasi\u00f3n de relaciones laborales \u00a0 DERECHO AL MINIMO VITAL-Pago de acreencias laborales y aportes por concepto de seguridad social en salud por empresa en liquidaci\u00f3n obligatoria \u00a0 SISTEMA DE SEGURIDAD SOCIAL EN SALUD-Deber de afiliaci\u00f3n por el empleador y consecuencias por el incumplimiento\/DERECHO A LA SALUD-Incumplimiento del empleador en trasladar aportes a seguridad social\u00a0 \u00a0 ACCION DE TUTELA CONTRA EMPRESA EN LIQUIDACION-Pago de acreencias laborales y aportes por concepto de seguridad social en salud \u00a0 La situaci\u00f3n de ...<br \/><div class=\"pt-cv-rmwrap\"><a href=\"https:\/\/www.dmsjuridica.com\/buscador_20179478954\/corteconstitucionalcronologico202454587\/t-051-05\/\" class=\"_self pt-cv-readmore btn btn-success\" target=\"_self\">Ver Sentencia Completa...<\/a><\/div><\/div><\/div><\/div>\n<div class=\"col-md-12 col-sm-12 col-xs-12 pt-cv-content-item pt-cv-1-col\" ><div class='pt-cv-ifield'><a href=\"https:\/\/www.dmsjuridica.com\/buscador_20179478954\/corteconstitucionalcronologico202454587\/t-050-05\/\" class=\"_self pt-cv-href-thumbnail pt-cv-thumb-default\" target=\"_self\" ><\/a>\n<div class=\"pt-cv-taxoterm above_title\"><a href='https:\/\/www.dmsjuridica.com\/buscador_20179478954\/corteconstitucionalcronologico202454587\/category\/buscar-en-toda-la-corte\/2005\/tutelas-2005\/' title='Tutelas 2005' class='pt-cv-tax-tutelas-2005'>Tutelas 2005<\/a><\/div>\n<h4 class=\"pt-cv-title\"><a href=\"https:\/\/www.dmsjuridica.com\/buscador_20179478954\/corteconstitucionalcronologico202454587\/t-050-05\/\" class=\"_self\" target=\"_self\" >T-050-05<\/a><\/h4>\n<div class=\"pt-cv-content\">\u00a0 \u00a0 Sentencia T-050\/05 \u00a0 ACCION DE TUTELA-Procedencia excepcional pago de acreencias laborales\/DERECHO AL MINIMO VITAL DEL TRABAJADOR-Hip\u00f3tesis f\u00e1cticas m\u00ednimas de vulneraci\u00f3n por no pago de salarios \u00a0 DERECHO AL MINIMO VITAL DE MADRE CABEZA DE FAMILIA-Protecci\u00f3n por vinculaci\u00f3n laboral\/DERECHO A LA SUBSISTENCIA DE MADRE CABEZA DE FAMILIA-Pago oportuno de salarios \u00a0 Para la Sala no existe duda con respecto a la vinculaci\u00f3n \u00a0de la actora a la entidad accionada, puesto que la misma no ha sido desvirtuada por aquella; se prob\u00f3, por la aceptaci\u00f3n del hospital demandado el incumplimiento salarial de los salarios adeudados y se presume la vulneraci\u00f3n ...<br \/><div class=\"pt-cv-rmwrap\"><a href=\"https:\/\/www.dmsjuridica.com\/buscador_20179478954\/corteconstitucionalcronologico202454587\/t-050-05\/\" class=\"_self pt-cv-readmore btn btn-success\" target=\"_self\">Ver Sentencia Completa...<\/a><\/div><\/div><\/div><\/div>\n<div class=\"col-md-12 col-sm-12 col-xs-12 pt-cv-content-item pt-cv-1-col\" ><div class='pt-cv-ifield'><a href=\"https:\/\/www.dmsjuridica.com\/buscador_20179478954\/corteconstitucionalcronologico202454587\/t-049-05\/\" class=\"_self pt-cv-href-thumbnail pt-cv-thumb-default\" target=\"_self\" ><\/a>\n<div class=\"pt-cv-taxoterm above_title\"><a href='https:\/\/www.dmsjuridica.com\/buscador_20179478954\/corteconstitucionalcronologico202454587\/category\/buscar-en-toda-la-corte\/2005\/tutelas-2005\/' title='Tutelas 2005' class='pt-cv-tax-tutelas-2005'>Tutelas 2005<\/a><\/div>\n<h4 class=\"pt-cv-title\"><a href=\"https:\/\/www.dmsjuridica.com\/buscador_20179478954\/corteconstitucionalcronologico202454587\/t-049-05\/\" class=\"_self\" target=\"_self\" >T-049-05<\/a><\/h4>\n<div class=\"pt-cv-content\">\u00a0 \u00a0 Sentencia T-049\/05 \u00a0 RELACION LABORAL-Terminaci\u00f3n por expiraci\u00f3n o renuncia \u00a0 PROCESO DE REESTRUCTURACION DE PASIVOS DE ENTIDAD SOCIAL DEL ESTADO-Existencia de medios de defensa judicial para el pago de acreencias laborales generadas con posterioridad \u00a0 Considera la Corte que los accionantes pueden acudir a las instancias judiciales ordinarias para la satisfacci\u00f3n de sus pretensiones, puesto que las acreencias laborales que reclaman se generaron con posterioridad a la iniciaci\u00f3n del proceso de reestructuraci\u00f3n de pasivos de la E.S.E. Hospital San Nicol\u00e1s y, como tales, constituyen gastos de administraci\u00f3n que gozan de preferencia para su cancelaci\u00f3n seg\u00fan lo prescribe la ...<br \/><div class=\"pt-cv-rmwrap\"><a href=\"https:\/\/www.dmsjuridica.com\/buscador_20179478954\/corteconstitucionalcronologico202454587\/t-049-05\/\" class=\"_self pt-cv-readmore btn btn-success\" target=\"_self\">Ver Sentencia Completa...<\/a><\/div><\/div><\/div><\/div>\n<div class=\"col-md-12 col-sm-12 col-xs-12 pt-cv-content-item pt-cv-1-col\" ><div class='pt-cv-ifield'><a href=\"https:\/\/www.dmsjuridica.com\/buscador_20179478954\/corteconstitucionalcronologico202454587\/t-048-05\/\" class=\"_self pt-cv-href-thumbnail pt-cv-thumb-default\" target=\"_self\" ><\/a>\n<div class=\"pt-cv-taxoterm above_title\"><a href='https:\/\/www.dmsjuridica.com\/buscador_20179478954\/corteconstitucionalcronologico202454587\/category\/buscar-en-toda-la-corte\/2005\/tutelas-2005\/' title='Tutelas 2005' class='pt-cv-tax-tutelas-2005'>Tutelas 2005<\/a><\/div>\n<h4 class=\"pt-cv-title\"><a href=\"https:\/\/www.dmsjuridica.com\/buscador_20179478954\/corteconstitucionalcronologico202454587\/t-048-05\/\" class=\"_self\" target=\"_self\" >T-048-05<\/a><\/h4>\n<div class=\"pt-cv-content\">\u00a0 \u00a0 Sentencia T-048\/05 \u00a0 DERECHO A LA SALUD-Naturaleza\/DERECHO A LA SALUD DE PERSONA DE LA TERCERA EDAD-Fundamental por conexidad \u00a0 SISTEMA DE SEGURIDAD SOCIAL EN SALUD-Libre escogencia de entidades que prestan el servicio \u00a0 PRINCIPIO DE CONTINUIDAD EN EL SERVICIO DE SALUD-Prestaci\u00f3n sin interrupci\u00f3n \u00a0 DERECHO A LA CONTINUIDAD EN EL SERVICIO DE SALUD-Traslado de EPS no puede suponer la suspensi\u00f3n del servicio m\u00e9dico \u00a0 El traslado de una E.P.S a otra no puede suponer la suspensi\u00f3n o interrupci\u00f3n en la prestaci\u00f3n de los servicios m\u00e9dicos pues la atenci\u00f3n en salud es un servicio p\u00fablico que se rige por ...<br \/><div class=\"pt-cv-rmwrap\"><a href=\"https:\/\/www.dmsjuridica.com\/buscador_20179478954\/corteconstitucionalcronologico202454587\/t-048-05\/\" class=\"_self pt-cv-readmore btn btn-success\" target=\"_self\">Ver Sentencia Completa...<\/a><\/div><\/div><\/div><\/div>\n<div class=\"col-md-12 col-sm-12 col-xs-12 pt-cv-content-item pt-cv-1-col\" ><div class='pt-cv-ifield'><a href=\"https:\/\/www.dmsjuridica.com\/buscador_20179478954\/corteconstitucionalcronologico202454587\/t-047-05\/\" class=\"_self pt-cv-href-thumbnail pt-cv-thumb-default\" target=\"_self\" ><\/a>\n<div class=\"pt-cv-taxoterm above_title\"><a href='https:\/\/www.dmsjuridica.com\/buscador_20179478954\/corteconstitucionalcronologico202454587\/category\/buscar-en-toda-la-corte\/2005\/tutelas-2005\/' title='Tutelas 2005' class='pt-cv-tax-tutelas-2005'>Tutelas 2005<\/a><\/div>\n<h4 class=\"pt-cv-title\"><a href=\"https:\/\/www.dmsjuridica.com\/buscador_20179478954\/corteconstitucionalcronologico202454587\/t-047-05\/\" class=\"_self\" target=\"_self\" >T-047-05<\/a><\/h4>\n<div class=\"pt-cv-content\">\u00a0 \u00a0 Sentencia T-047\/05 \u00a0 ACCION DE TUTELA-Poder especial para actuar\/FALTA DE LEGITIMACION POR ACTIVA EN TUTELA-Poder otorgado al abogado lo habilita para ejercer la tutela \u00a0 No hay lugar a declarar improcedente la acci\u00f3n por falta de legitimaci\u00f3n por activa, pues si bien al momento de presentar la acci\u00f3n de tutela ante la Sala Civil de la Corte Suprema de Justicia el apoderado del accionante no adjunt\u00f3 el poder especial de su mandante, antes de la admisi\u00f3n del amparo constitucional \u00a0aport\u00f3 el documento que lo habilitaba para actuar en su nombre y representaci\u00f3n \u00a0dentro de la tutela de referencia ...<br \/><div class=\"pt-cv-rmwrap\"><a href=\"https:\/\/www.dmsjuridica.com\/buscador_20179478954\/corteconstitucionalcronologico202454587\/t-047-05\/\" class=\"_self pt-cv-readmore btn btn-success\" target=\"_self\">Ver Sentencia Completa...<\/a><\/div><\/div><\/div><\/div>\n<div class=\"col-md-12 col-sm-12 col-xs-12 pt-cv-content-item pt-cv-1-col\" ><div class='pt-cv-ifield'><a href=\"https:\/\/www.dmsjuridica.com\/buscador_20179478954\/corteconstitucionalcronologico202454587\/t-046-05\/\" class=\"_self pt-cv-href-thumbnail pt-cv-thumb-default\" target=\"_self\" ><\/a>\n<div class=\"pt-cv-taxoterm above_title\"><a href='https:\/\/www.dmsjuridica.com\/buscador_20179478954\/corteconstitucionalcronologico202454587\/category\/buscar-en-toda-la-corte\/2005\/tutelas-2005\/' title='Tutelas 2005' class='pt-cv-tax-tutelas-2005'>Tutelas 2005<\/a><\/div>\n<h4 class=\"pt-cv-title\"><a href=\"https:\/\/www.dmsjuridica.com\/buscador_20179478954\/corteconstitucionalcronologico202454587\/t-046-05\/\" class=\"_self\" target=\"_self\" >T-046-05<\/a><\/h4>\n<div class=\"pt-cv-content\">\u00a0 \u00a0 Sentencia T-046\/05 \u00a0 ACCION DE TUTELA TEMERARIA-Requisitos\/ACCION DE TUTELA TEMERARIA-Inexistencia por existir nuevos elementos y sujetos distintos \u00a0 Esta Corporaci\u00f3n ha indicado que para que una actuaci\u00f3n se constituya en temeraria es necesario: (i) que una misma demanda de tutela sea presentada en varias oportunidades, es decir, bajo los mismos hechos y coincidente frente a las pretensiones; (ii) que esas varias tutelas se hayan presentado por la misma persona o su representante y contra la misma entidad y, (iii) que dicha petici\u00f3n, en repetidas oportunidades, se realice sin un motivo expresamente justificado. De acuerdo a los antecedentes rese\u00f1ados ...<br \/><div class=\"pt-cv-rmwrap\"><a href=\"https:\/\/www.dmsjuridica.com\/buscador_20179478954\/corteconstitucionalcronologico202454587\/t-046-05\/\" class=\"_self pt-cv-readmore btn btn-success\" target=\"_self\">Ver Sentencia Completa...<\/a><\/div><\/div><\/div><\/div>\n<div class=\"col-md-12 col-sm-12 col-xs-12 pt-cv-content-item pt-cv-1-col\" ><div class='pt-cv-ifield'><a href=\"https:\/\/www.dmsjuridica.com\/buscador_20179478954\/corteconstitucionalcronologico202454587\/t-045-05\/\" class=\"_self pt-cv-href-thumbnail pt-cv-thumb-default\" target=\"_self\" ><\/a>\n<div class=\"pt-cv-taxoterm above_title\"><a href='https:\/\/www.dmsjuridica.com\/buscador_20179478954\/corteconstitucionalcronologico202454587\/category\/buscar-en-toda-la-corte\/2005\/tutelas-2005\/' title='Tutelas 2005' class='pt-cv-tax-tutelas-2005'>Tutelas 2005<\/a><\/div>\n<h4 class=\"pt-cv-title\"><a href=\"https:\/\/www.dmsjuridica.com\/buscador_20179478954\/corteconstitucionalcronologico202454587\/t-045-05\/\" class=\"_self\" target=\"_self\" >T-045-05<\/a><\/h4>\n<div class=\"pt-cv-content\">\u00a0 \u00a0 Sentencia T-045\/05 \u00a0 DERECHO DE PETICION ANTE FONDO DE PENSIONES-Hecho superado \u00a0 ACCION DE TUTELA-Hecho superado por reconocimiento de pensi\u00f3n de invalidez\u00a0 \u00a0 Referencia: T-997446 \u00a0 Peticionario: Fernando Enrique Rivaldo Iparraguirre \u00a0 Accionado: Fondo de Pensiones Porvenir \u00a0 Magistrado Ponente:\u00a0 \u00a0 Dr. MARCO GERARDO MONROY CABRA \u00a0 Bogot\u00e1 D.C., \u00a0veintisiete \u00a0(27) \u00a0de enero de dos mil cinco (2005) \u00a0 La Sala Sexta de la Corte Constitucional, integrada por los Magistrados Humberto Sierra Porto, \u00c1lvaro Tafur Galvis y Marco Gerardo Monroy Cabra, quien la preside, \u00a0en ejercicio de sus competencias constitucionales y legales ha pronunciado la siguiente\u00a0 \u00a0 SENTENCIA ...<br \/><div class=\"pt-cv-rmwrap\"><a href=\"https:\/\/www.dmsjuridica.com\/buscador_20179478954\/corteconstitucionalcronologico202454587\/t-045-05\/\" class=\"_self pt-cv-readmore btn btn-success\" target=\"_self\">Ver Sentencia Completa...<\/a><\/div><\/div><\/div><\/div>\n<div class=\"col-md-12 col-sm-12 col-xs-12 pt-cv-content-item pt-cv-1-col\" ><div class='pt-cv-ifield'><a href=\"https:\/\/www.dmsjuridica.com\/buscador_20179478954\/corteconstitucionalcronologico202454587\/t-044-05\/\" class=\"_self pt-cv-href-thumbnail pt-cv-thumb-default\" target=\"_self\" ><\/a>\n<div class=\"pt-cv-taxoterm above_title\"><a href='https:\/\/www.dmsjuridica.com\/buscador_20179478954\/corteconstitucionalcronologico202454587\/category\/buscar-en-toda-la-corte\/2005\/tutelas-2005\/' title='Tutelas 2005' class='pt-cv-tax-tutelas-2005'>Tutelas 2005<\/a><\/div>\n<h4 class=\"pt-cv-title\"><a href=\"https:\/\/www.dmsjuridica.com\/buscador_20179478954\/corteconstitucionalcronologico202454587\/t-044-05\/\" class=\"_self\" target=\"_self\" >T-044-05<\/a><\/h4>\n<div class=\"pt-cv-content\">\u00a0 \u00a0 Sentencia T-044\/05 \u00a0 LICENCIA DE MATERNIDAD-Objeto \u00a0 LICENCIA DE MATERNIDAD-Requisitos para el reconocimiento y pago\/LICENCIA DE MATERNIDAD-Pago por tutela cuando afecta el m\u00ednimo vital de la madre y su hijo \u00a0 LICENCIA DE MATERNIDAD-Plazo hasta de un a\u00f1o para reclamar por tutela \u00a0 LICENCIA DE MATERNIDAD-Pago por allanamiento a la mora por EPS \u00a0 ACCION DE TUTELA CONTRA EL SEGURO SOCIAL-Presentaci\u00f3n oportuna a la EPS para solicitar pago de la licencia de maternidad\/LICENCIA DE MATERNIDAD DE TRABAJADORA MADRE CABEZA DE FAMILIA-Pago por tutela cuando afecta el m\u00ednimo vital de la madre y su hijo \u00a0 Referencia: expediente T-985466 ...<br \/><div class=\"pt-cv-rmwrap\"><a href=\"https:\/\/www.dmsjuridica.com\/buscador_20179478954\/corteconstitucionalcronologico202454587\/t-044-05\/\" class=\"_self pt-cv-readmore btn btn-success\" target=\"_self\">Ver Sentencia Completa...<\/a><\/div><\/div><\/div><\/div>\n<div class=\"col-md-12 col-sm-12 col-xs-12 pt-cv-content-item pt-cv-1-col\" ><div class='pt-cv-ifield'><a href=\"https:\/\/www.dmsjuridica.com\/buscador_20179478954\/corteconstitucionalcronologico202454587\/t-043-05\/\" class=\"_self pt-cv-href-thumbnail pt-cv-thumb-default\" target=\"_self\" ><\/a>\n<div class=\"pt-cv-taxoterm above_title\"><a href='https:\/\/www.dmsjuridica.com\/buscador_20179478954\/corteconstitucionalcronologico202454587\/category\/buscar-en-toda-la-corte\/2005\/tutelas-2005\/' title='Tutelas 2005' class='pt-cv-tax-tutelas-2005'>Tutelas 2005<\/a><\/div>\n<h4 class=\"pt-cv-title\"><a href=\"https:\/\/www.dmsjuridica.com\/buscador_20179478954\/corteconstitucionalcronologico202454587\/t-043-05\/\" class=\"_self\" target=\"_self\" >T-043-05<\/a><\/h4>\n<div class=\"pt-cv-content\">\u00a0 \u00a0 Sentencia T-043\/05 \u00a0 ACCION DE TUTELA-Requisitos para el pago de acreencias laborales \u00a0 A pesar del car\u00e1cter subsidiario de la tutela, pueden llegar a reclamarse acreencias laborales a trav\u00e9s de esta acci\u00f3n, siempre y cuando se demuestre (i) que por la ausencia de pago de las mismas se vulnera un derecho fundamental, (ii) que los mecanismos con los que cuenta quien se considere afectado por el no reconocimiento de una acreencia laboral, no sean eficaces ni id\u00f3neos o (iii) que se est\u00e1 en presencia de la posible ocurrencia de un perjuicio irremediable. \u00a0 PENSION DE SOBREVIVIENTES-Procedencia de tutela ...<br \/><div class=\"pt-cv-rmwrap\"><a href=\"https:\/\/www.dmsjuridica.com\/buscador_20179478954\/corteconstitucionalcronologico202454587\/t-043-05\/\" class=\"_self pt-cv-readmore btn btn-success\" target=\"_self\">Ver Sentencia Completa...<\/a><\/div><\/div><\/div><\/div>\n<div class=\"col-md-12 col-sm-12 col-xs-12 pt-cv-content-item pt-cv-1-col\" ><div class='pt-cv-ifield'><a href=\"https:\/\/www.dmsjuridica.com\/buscador_20179478954\/corteconstitucionalcronologico202454587\/t-042-05\/\" class=\"_self pt-cv-href-thumbnail pt-cv-thumb-default\" target=\"_self\" ><\/a>\n<div class=\"pt-cv-taxoterm above_title\"><a href='https:\/\/www.dmsjuridica.com\/buscador_20179478954\/corteconstitucionalcronologico202454587\/category\/buscar-en-toda-la-corte\/2005\/tutelas-2005\/' title='Tutelas 2005' class='pt-cv-tax-tutelas-2005'>Tutelas 2005<\/a><\/div>\n<h4 class=\"pt-cv-title\"><a href=\"https:\/\/www.dmsjuridica.com\/buscador_20179478954\/corteconstitucionalcronologico202454587\/t-042-05\/\" class=\"_self\" target=\"_self\" >T-042-05<\/a><\/h4>\n<div class=\"pt-cv-content\">\u00a0 \u00a0 Sentencia T-042\/05 \u00a0 ACCION DE TUTELA-Caracter\u00edsticas \u00a0 ESTADO SOCIAL DE DERECHO-Deberes y obligaciones del juez de tutela\/JUEZ DE TUTELA-Deberes \u00a0 ACCION DE TUTELA-Mecanismo de protecci\u00f3n inmediata de derechos fundamentales \u00a0 El mecanismo constitucional de tutela previsto por la norma superior, es un instrumento que le conf\u00eda a los jueces la funci\u00f3n de verificar el efectivo cumplimiento de los mandatos constitucionales de protecci\u00f3n y primac\u00eda de los derechos inalienables de la persona, y por consiguiente en aquellos eventos en que se encuentre configurada la vulneraci\u00f3n o amenaza de un derecho fundamental, por acci\u00f3n o por omisi\u00f3n, el juez constitucional ...<br \/><div class=\"pt-cv-rmwrap\"><a href=\"https:\/\/www.dmsjuridica.com\/buscador_20179478954\/corteconstitucionalcronologico202454587\/t-042-05\/\" class=\"_self pt-cv-readmore btn btn-success\" target=\"_self\">Ver Sentencia Completa...<\/a><\/div><\/div><\/div><\/div>\n<div class=\"col-md-12 col-sm-12 col-xs-12 pt-cv-content-item pt-cv-1-col\" ><div class='pt-cv-ifield'><a href=\"https:\/\/www.dmsjuridica.com\/buscador_20179478954\/corteconstitucionalcronologico202454587\/t-041-05\/\" class=\"_self pt-cv-href-thumbnail pt-cv-thumb-default\" target=\"_self\" ><\/a>\n<div class=\"pt-cv-taxoterm above_title\"><a href='https:\/\/www.dmsjuridica.com\/buscador_20179478954\/corteconstitucionalcronologico202454587\/category\/buscar-en-toda-la-corte\/2005\/tutelas-2005\/' title='Tutelas 2005' class='pt-cv-tax-tutelas-2005'>Tutelas 2005<\/a><\/div>\n<h4 class=\"pt-cv-title\"><a href=\"https:\/\/www.dmsjuridica.com\/buscador_20179478954\/corteconstitucionalcronologico202454587\/t-041-05\/\" class=\"_self\" target=\"_self\" >T-041-05<\/a><\/h4>\n<div class=\"pt-cv-content\">\u00a0 \u00a0 Sentencia T-041\/05 \u00a0 ESCISION DEL INSTITUTO DE SEGUROS SOCIALES Y CREACION DE EMPRESAS SOCIALES DEL ESTADO-Naturaleza y contenido del Decreto 1750 de 2003 \u00a0 CONTROL DE CONSTITUCIONALIDAD ABSTRACTO-V\u00eda judicial para controvertir sobre la escisi\u00f3n, incorporaci\u00f3n, calificaci\u00f3n y r\u00e9gimen del Instituto de Seguros Sociales \u00a0 FUERO SINDICAL-Objeto y alcance de la normas que lo regulan \u00a0 ACCION DE TUTELA-No es alternativa ni sustitutiva de procesos cuando existe otros medios de defensa judicial salvo para evitar un perjuicio irremediable\/JUEZ ORDINARIO-Protecci\u00f3n de derechos fundamentales \u00a0 JURISDICCION CONTENCIOSO ADMINISTRATIVA-Competencia para demandar actos administrativos sobre redistribuci\u00f3n de cargos y servidores del Instituto de ...<br \/><div class=\"pt-cv-rmwrap\"><a href=\"https:\/\/www.dmsjuridica.com\/buscador_20179478954\/corteconstitucionalcronologico202454587\/t-041-05\/\" class=\"_self pt-cv-readmore btn btn-success\" target=\"_self\">Ver Sentencia Completa...<\/a><\/div><\/div><\/div><\/div>\n<div class=\"col-md-12 col-sm-12 col-xs-12 pt-cv-content-item pt-cv-1-col\" ><div class='pt-cv-ifield'><a href=\"https:\/\/www.dmsjuridica.com\/buscador_20179478954\/corteconstitucionalcronologico202454587\/t-040-05\/\" class=\"_self pt-cv-href-thumbnail pt-cv-thumb-default\" target=\"_self\" ><\/a>\n<div class=\"pt-cv-taxoterm above_title\"><a href='https:\/\/www.dmsjuridica.com\/buscador_20179478954\/corteconstitucionalcronologico202454587\/category\/buscar-en-toda-la-corte\/2005\/tutelas-2005\/' title='Tutelas 2005' class='pt-cv-tax-tutelas-2005'>Tutelas 2005<\/a><\/div>\n<h4 class=\"pt-cv-title\"><a href=\"https:\/\/www.dmsjuridica.com\/buscador_20179478954\/corteconstitucionalcronologico202454587\/t-040-05\/\" class=\"_self\" target=\"_self\" >T-040-05<\/a><\/h4>\n<div class=\"pt-cv-content\">\u00a0 \u00a0 Sentencia T-040\/05 \u00a0 DERECHO AL BUEN NOMBRE Y A LA HONRA-Protecci\u00f3n constitucional por estar ligados al respeto de la dignidad humana \u00a0 DERECHO AL BUEN NOMBRE Y A LA HONRA-Protecci\u00f3n por tutela estableciendo condiciones de limitaci\u00f3n constitucional \u00a0 DERECHO AL BUEN NOMBRE Y A LA HONRA-Vulneraci\u00f3n por conceptos u opiniones que generan da\u00f1o moral tangible al sujeto afectado \u00a0 DERECHO AL BUEN NOMBRE Y A LA HONRA-Difusi\u00f3n masiva de informes militares y policivos\/DERECHO AL BUEN NOMBRE Y A LA HONRA-Protecci\u00f3n frente al poder de los medios de comunicaci\u00f3n y potenciales lesiones como consecuencia del ejercicio de la libertad ...<br \/><div class=\"pt-cv-rmwrap\"><a href=\"https:\/\/www.dmsjuridica.com\/buscador_20179478954\/corteconstitucionalcronologico202454587\/t-040-05\/\" class=\"_self pt-cv-readmore btn btn-success\" target=\"_self\">Ver Sentencia Completa...<\/a><\/div><\/div><\/div><\/div>\n<div class=\"col-md-12 col-sm-12 col-xs-12 pt-cv-content-item pt-cv-1-col\" ><div class='pt-cv-ifield'><a href=\"https:\/\/www.dmsjuridica.com\/buscador_20179478954\/corteconstitucionalcronologico202454587\/t-039-05\/\" class=\"_self pt-cv-href-thumbnail pt-cv-thumb-default\" target=\"_self\" ><\/a>\n<div class=\"pt-cv-taxoterm above_title\"><a href='https:\/\/www.dmsjuridica.com\/buscador_20179478954\/corteconstitucionalcronologico202454587\/category\/buscar-en-toda-la-corte\/2005\/tutelas-2005\/' title='Tutelas 2005' class='pt-cv-tax-tutelas-2005'>Tutelas 2005<\/a><\/div>\n<h4 class=\"pt-cv-title\"><a href=\"https:\/\/www.dmsjuridica.com\/buscador_20179478954\/corteconstitucionalcronologico202454587\/t-039-05\/\" class=\"_self\" target=\"_self\" >T-039-05<\/a><\/h4>\n<div class=\"pt-cv-content\">\u00a0 \u00a0 Sentencia T-039\/05 \u00a0 ACCION DE TUTELA CONTRA PROVIDENCIAS JUDICIALES POR VIA DE HECHO-Requisitos \u00a0 Las v\u00edas de hecho no siempre dan lugar a la acci\u00f3n de tutela, porque, de acuerdo con la jurisprudencia de la Corte, para que proceda la acci\u00f3n contra providencias que presentan en su contenido el vicio de las v\u00edas de hecho, deben concurrir los siguientes requisitos: a) Que la conducta del agente carezca de fundamento legal. Dado que la ley es el principio de toda actuaci\u00f3n que realice cualquier autoridad p\u00fablica, \u00e9sta no puede, por ende, extralimitarse en el ejercicio de sus funciones. b) ...<br \/><div class=\"pt-cv-rmwrap\"><a href=\"https:\/\/www.dmsjuridica.com\/buscador_20179478954\/corteconstitucionalcronologico202454587\/t-039-05\/\" class=\"_self pt-cv-readmore btn btn-success\" target=\"_self\">Ver Sentencia Completa...<\/a><\/div><\/div><\/div><\/div>\n<div class=\"col-md-12 col-sm-12 col-xs-12 pt-cv-content-item pt-cv-1-col\" ><div class='pt-cv-ifield'><a href=\"https:\/\/www.dmsjuridica.com\/buscador_20179478954\/corteconstitucionalcronologico202454587\/t-038-05\/\" class=\"_self pt-cv-href-thumbnail pt-cv-thumb-default\" target=\"_self\" ><\/a>\n<div class=\"pt-cv-taxoterm above_title\"><a href='https:\/\/www.dmsjuridica.com\/buscador_20179478954\/corteconstitucionalcronologico202454587\/category\/buscar-en-toda-la-corte\/2005\/tutelas-2005\/' title='Tutelas 2005' class='pt-cv-tax-tutelas-2005'>Tutelas 2005<\/a><\/div>\n<h4 class=\"pt-cv-title\"><a href=\"https:\/\/www.dmsjuridica.com\/buscador_20179478954\/corteconstitucionalcronologico202454587\/t-038-05\/\" class=\"_self\" target=\"_self\" >T-038-05<\/a><\/h4>\n<div class=\"pt-cv-content\">\u00a0 \u00a0 Sentencia T-038\/05 \u00a0 PLAN OBLIGATORIO DE SALUD Y PLAN ADICIONAL DE SALUD-Complementariedad \u00a0 PLANES ADICIONALES DE SALUD-Celebraci\u00f3n o renovaci\u00f3n con personas afiliadas al r\u00e9gimen contributivo \u00a0 DERECHO A LA SALUD DEL MENOR-Suministro servicios m\u00e9dicos incluidos en el POS pero excluidos del PAS\/PLAN OBLIGATORIO DE SALUD Y PLAN ADICIONAL DE SALUD-No suministro de servicios m\u00e9dicos por cuanto m\u00e9dico tratante no se encuentra adscrito a EPS\/DERECHO A LA SALUD DEL MENOR-No suministro de servicios m\u00e9dicos por cuanto m\u00e9dico tratante no se encuentra adscrito a EPS debe tener razones cient\u00edficas \u00a0 DERECHO DE PETICION ANTE ENTIDAD PROMOTORA DE SALUD-Falta respuesta de ...<br \/><div class=\"pt-cv-rmwrap\"><a href=\"https:\/\/www.dmsjuridica.com\/buscador_20179478954\/corteconstitucionalcronologico202454587\/t-038-05\/\" class=\"_self pt-cv-readmore btn btn-success\" target=\"_self\">Ver Sentencia Completa...<\/a><\/div><\/div><\/div><\/div>\n<div class=\"col-md-12 col-sm-12 col-xs-12 pt-cv-content-item pt-cv-1-col\" ><div class='pt-cv-ifield'><a href=\"https:\/\/www.dmsjuridica.com\/buscador_20179478954\/corteconstitucionalcronologico202454587\/t-037-05\/\" class=\"_self pt-cv-href-thumbnail pt-cv-thumb-default\" target=\"_self\" ><\/a>\n<div class=\"pt-cv-taxoterm above_title\"><a href='https:\/\/www.dmsjuridica.com\/buscador_20179478954\/corteconstitucionalcronologico202454587\/category\/buscar-en-toda-la-corte\/2005\/tutelas-2005\/' title='Tutelas 2005' class='pt-cv-tax-tutelas-2005'>Tutelas 2005<\/a><\/div>\n<h4 class=\"pt-cv-title\"><a href=\"https:\/\/www.dmsjuridica.com\/buscador_20179478954\/corteconstitucionalcronologico202454587\/t-037-05\/\" class=\"_self\" target=\"_self\" >T-037-05<\/a><\/h4>\n<div class=\"pt-cv-content\">\u00a0 \u00a0 Sentencia T-037\/05 \u00a0 ACCION DE TUTELA-Improcedencia por existir otras acciones judiciales para ejercer como demandante o coadyuvante en soluci\u00f3n a problemas de alcantarillado\/MEDIO DE DEFENSA JUDICIAL-Acci\u00f3n popular u otras acciones judiciales para ejercer como demandante o coadyuvante en soluci\u00f3n a problemas de alcantarillado \u00a0 PERJUICIO IRREMEDIABLE-Elementos\/ACCION DE TUTELA-Improcedencia como mecanismo transitorio por no configurarse el perjuicio irremediable \u00a0 JUEZ DE TUTELA-No tiene competencia para expedir \u00f3rdenes encaminadas a solucionar problemas de alcantarillado \u00a0 Si bien no existe duda en cuanto a que en la urbanizaci\u00f3n Villa Shar\u00edn existe un problema con el servicio de alcantarillado, esta situaci\u00f3n no ...<br \/><div class=\"pt-cv-rmwrap\"><a href=\"https:\/\/www.dmsjuridica.com\/buscador_20179478954\/corteconstitucionalcronologico202454587\/t-037-05\/\" class=\"_self pt-cv-readmore btn btn-success\" target=\"_self\">Ver Sentencia Completa...<\/a><\/div><\/div><\/div><\/div>\n<div class=\"col-md-12 col-sm-12 col-xs-12 pt-cv-content-item pt-cv-1-col\" ><div class='pt-cv-ifield'><a href=\"https:\/\/www.dmsjuridica.com\/buscador_20179478954\/corteconstitucionalcronologico202454587\/t-031-05\/\" class=\"_self pt-cv-href-thumbnail pt-cv-thumb-default\" target=\"_self\" ><\/a>\n<div class=\"pt-cv-taxoterm above_title\"><a href='https:\/\/www.dmsjuridica.com\/buscador_20179478954\/corteconstitucionalcronologico202454587\/category\/buscar-en-toda-la-corte\/2005\/tutelas-2005\/' title='Tutelas 2005' class='pt-cv-tax-tutelas-2005'>Tutelas 2005<\/a><\/div>\n<h4 class=\"pt-cv-title\"><a href=\"https:\/\/www.dmsjuridica.com\/buscador_20179478954\/corteconstitucionalcronologico202454587\/t-031-05\/\" class=\"_self\" target=\"_self\" >T-031-05<\/a><\/h4>\n<div class=\"pt-cv-content\">DERECHO A LA ESTABILIDAD LABORAL-No se reduce por ocupar cargo de carrera administrativa en provisionalidad\u00a0 \u00a0 INSUBSISTENCIA EN CARGO EN PROVISIONALIDAD DE LA FISCALIA GENERAL DE LA NACION-Procedencia tutela \u00a0 INSUBSISTENCIA Y DEBIDO PROCESO-Omisi\u00f3n de motivarla en caso de empleado de carrera constituye violaci\u00f3n \u00a0 ACTO ADMINISTRATIVO-En cuanto a motivaci\u00f3n existe l\u00ednea jurisprudencial contraria entre la Corte Constitucional y el Consejo de Estado \u00a0 La desvinculaci\u00f3n de un trabajador que ocupando de manera provisional un cargo de carrera, deber\u00e1 exponer de manera clara los motivos para ello, y demostrar de esta manera que dicha actuaci\u00f3n se hizo en aras de ...<br \/><div class=\"pt-cv-rmwrap\"><a href=\"https:\/\/www.dmsjuridica.com\/buscador_20179478954\/corteconstitucionalcronologico202454587\/t-031-05\/\" class=\"_self pt-cv-readmore btn btn-success\" target=\"_self\">Ver Sentencia Completa...<\/a><\/div><\/div><\/div><\/div>\n<div class=\"col-md-12 col-sm-12 col-xs-12 pt-cv-content-item pt-cv-1-col\" ><div class='pt-cv-ifield'><a href=\"https:\/\/www.dmsjuridica.com\/buscador_20179478954\/corteconstitucionalcronologico202454587\/t-030-05\/\" class=\"_self pt-cv-href-thumbnail pt-cv-thumb-default\" target=\"_self\" ><\/a>\n<div class=\"pt-cv-taxoterm above_title\"><a href='https:\/\/www.dmsjuridica.com\/buscador_20179478954\/corteconstitucionalcronologico202454587\/category\/buscar-en-toda-la-corte\/2005\/tutelas-2005\/' title='Tutelas 2005' class='pt-cv-tax-tutelas-2005'>Tutelas 2005<\/a><\/div>\n<h4 class=\"pt-cv-title\"><a href=\"https:\/\/www.dmsjuridica.com\/buscador_20179478954\/corteconstitucionalcronologico202454587\/t-030-05\/\" class=\"_self\" target=\"_self\" >T-030-05<\/a><\/h4>\n<div class=\"pt-cv-content\">\u00a0 \u00a0 Sentencia T-030\/05 \u00a0 INTERPRETACION SISTEMATICA DE LA CONSTITUCION-Aplicaci\u00f3n de normas fundamentales del Estado sobre derechos fundamentales sin dilaciones injustificadas \u00a0 La Corte Constitucional en desarrollo de la funci\u00f3n de guarda de la integridad y supremac\u00eda de la Carta Pol\u00edtica (Art. 241 C.P.), ha reiterado el deber que tienen todos los operadores jur\u00eddicos de interpretar la Constituci\u00f3n como una norma dotada de unidad de sentido, esto es, que en la aplicaci\u00f3n de las normas fundamentales del Estado debe optarse por una interpretaci\u00f3n sistem\u00e1tica cuyos efectos irradian al resto del ordenamiento jur\u00eddico. Es precisamente a partir de ese principio de ...<br \/><div class=\"pt-cv-rmwrap\"><a href=\"https:\/\/www.dmsjuridica.com\/buscador_20179478954\/corteconstitucionalcronologico202454587\/t-030-05\/\" class=\"_self pt-cv-readmore btn btn-success\" target=\"_self\">Ver Sentencia Completa...<\/a><\/div><\/div><\/div><\/div>\n<div class=\"col-md-12 col-sm-12 col-xs-12 pt-cv-content-item pt-cv-1-col\" ><div class='pt-cv-ifield'><a href=\"https:\/\/www.dmsjuridica.com\/buscador_20179478954\/corteconstitucionalcronologico202454587\/t-029-05\/\" class=\"_self pt-cv-href-thumbnail pt-cv-thumb-default\" target=\"_self\" ><\/a>\n<div class=\"pt-cv-taxoterm above_title\"><a href='https:\/\/www.dmsjuridica.com\/buscador_20179478954\/corteconstitucionalcronologico202454587\/category\/buscar-en-toda-la-corte\/2005\/tutelas-2005\/' title='Tutelas 2005' class='pt-cv-tax-tutelas-2005'>Tutelas 2005<\/a><\/div>\n<h4 class=\"pt-cv-title\"><a href=\"https:\/\/www.dmsjuridica.com\/buscador_20179478954\/corteconstitucionalcronologico202454587\/t-029-05\/\" class=\"_self\" target=\"_self\" >T-029-05<\/a><\/h4>\n<div class=\"pt-cv-content\">\u00a0 \u00a0 Sentencia T-029\/05 \u00a0 ACCION DE TUTELA CONTRA REGISTRADURIA NACIONAL-Sustracci\u00f3n de materia por expedici\u00f3n y entrega de la c\u00e9dula de ciudadan\u00eda a persona desplazada \u00a0 DERECHOS DE LOS DESPLAZADOS-Carencia actual de objeto por expedici\u00f3n y entrega de la c\u00e9dula de ciudadan\u00eda \u00a0 DERECHOS DE LOS DESPLAZADOS-Reconocimiento de la personalidad jur\u00eddica\/DERECHOS DE LOS DESPLAZADOS-Vulneraci\u00f3n por la no expedici\u00f3n oportuna de la c\u00e9dula de ciudadan\u00eda \u00a0 ACCION DE TUTELA CONTRA REGISTRADURIA NACIONAL-Vulneraci\u00f3n por la no expedici\u00f3n oportuna de la c\u00e9dula de ciudadan\u00eda\/DERECHO AL RECONOCIMIENTO DE LA PERSONALIDAD JURIDICA-Expedici\u00f3n de c\u00e9dula de ciudadan\u00eda \u00a0 Es evidente que la Registradur\u00eda Nacional del Estado ...<br \/><div class=\"pt-cv-rmwrap\"><a href=\"https:\/\/www.dmsjuridica.com\/buscador_20179478954\/corteconstitucionalcronologico202454587\/t-029-05\/\" class=\"_self pt-cv-readmore btn btn-success\" target=\"_self\">Ver Sentencia Completa...<\/a><\/div><\/div><\/div><\/div>\n<div class=\"col-md-12 col-sm-12 col-xs-12 pt-cv-content-item pt-cv-1-col\" ><div class='pt-cv-ifield'><a href=\"https:\/\/www.dmsjuridica.com\/buscador_20179478954\/corteconstitucionalcronologico202454587\/t-028-05\/\" class=\"_self pt-cv-href-thumbnail pt-cv-thumb-default\" target=\"_self\" ><\/a>\n<div class=\"pt-cv-taxoterm above_title\"><a href='https:\/\/www.dmsjuridica.com\/buscador_20179478954\/corteconstitucionalcronologico202454587\/category\/buscar-en-toda-la-corte\/2005\/tutelas-2005\/' title='Tutelas 2005' class='pt-cv-tax-tutelas-2005'>Tutelas 2005<\/a><\/div>\n<h4 class=\"pt-cv-title\"><a href=\"https:\/\/www.dmsjuridica.com\/buscador_20179478954\/corteconstitucionalcronologico202454587\/t-028-05\/\" class=\"_self\" target=\"_self\" >T-028-05<\/a><\/h4>\n<div class=\"pt-cv-content\">GARANTIAS JUDICIALES-Asistencia por defensor durante la investigaci\u00f3n y el juzgamiento \u00a0 DERECHO A LA DEFENSA TECNICA \u00a0 Una posible vulneraci\u00f3n al derecho a contar con una adecuada defensa t\u00e9cnica en el curso de un proceso penal que se adelante por violaciones graves al derecho internacional humanitario o a los derechos humanos, debe ser examinada por el juez constitucional tomando en consideraci\u00f3n las especificidades del caso concreto, las dificultades de todo orden que comporta el adelantamiento de esta clase de investigaciones penales, as\u00ed como el cumplimiento de los deberes que tiene asignado el Estado colombiano, en virtud de la Constituci\u00f3n y ...<br \/><div class=\"pt-cv-rmwrap\"><a href=\"https:\/\/www.dmsjuridica.com\/buscador_20179478954\/corteconstitucionalcronologico202454587\/t-028-05\/\" class=\"_self pt-cv-readmore btn btn-success\" target=\"_self\">Ver Sentencia Completa...<\/a><\/div><\/div><\/div><\/div>\n<div class=\"col-md-12 col-sm-12 col-xs-12 pt-cv-content-item pt-cv-1-col\" ><div class='pt-cv-ifield'><a href=\"https:\/\/www.dmsjuridica.com\/buscador_20179478954\/corteconstitucionalcronologico202454587\/t-027-05\/\" class=\"_self pt-cv-href-thumbnail pt-cv-thumb-default\" target=\"_self\" ><\/a>\n<div class=\"pt-cv-taxoterm above_title\"><a href='https:\/\/www.dmsjuridica.com\/buscador_20179478954\/corteconstitucionalcronologico202454587\/category\/buscar-en-toda-la-corte\/2005\/tutelas-2005\/' title='Tutelas 2005' class='pt-cv-tax-tutelas-2005'>Tutelas 2005<\/a><\/div>\n<h4 class=\"pt-cv-title\"><a href=\"https:\/\/www.dmsjuridica.com\/buscador_20179478954\/corteconstitucionalcronologico202454587\/t-027-05\/\" class=\"_self\" target=\"_self\" >T-027-05<\/a><\/h4>\n<div class=\"pt-cv-content\">\u00a0 \u00a0 Sentencia T-027\/05 \u00a0 ACCION DE TUTELA TEMERARIA-Inexistencia por existir el mismo derecho pero distinto motivo \u00a0 PRINCIPIO DE LEGALIDAD Y DEBIDO PROCESO ADMINISTRATIVO-Vulneraci\u00f3n por falta de competencia de autoridad para adelantar proceso por cobro coactivo \u00a0 Una interpretaci\u00f3n sistem\u00e1tica de las normas jur\u00eddicas transcritas conduce a afirmar que ( i ) el legislador cre\u00f3 un tributo de car\u00e1cter nacional a los espect\u00e1culos p\u00fablicos con una destinaci\u00f3n espec\u00edfica cual es el fomento del deporte; ( ii ) le fue atribuida, de manera general, a las entidades territoriales la competencia para ejercer un control y recaudo del impuesto sobre espect\u00e1culos ...<br \/><div class=\"pt-cv-rmwrap\"><a href=\"https:\/\/www.dmsjuridica.com\/buscador_20179478954\/corteconstitucionalcronologico202454587\/t-027-05\/\" class=\"_self pt-cv-readmore btn btn-success\" target=\"_self\">Ver Sentencia Completa...<\/a><\/div><\/div><\/div><\/div>\n<div class=\"col-md-12 col-sm-12 col-xs-12 pt-cv-content-item pt-cv-1-col\" ><div class='pt-cv-ifield'><a href=\"https:\/\/www.dmsjuridica.com\/buscador_20179478954\/corteconstitucionalcronologico202454587\/t-026-05\/\" class=\"_self pt-cv-href-thumbnail pt-cv-thumb-default\" target=\"_self\" ><\/a>\n<div class=\"pt-cv-taxoterm above_title\"><a href='https:\/\/www.dmsjuridica.com\/buscador_20179478954\/corteconstitucionalcronologico202454587\/category\/buscar-en-toda-la-corte\/2005\/tutelas-2005\/' title='Tutelas 2005' class='pt-cv-tax-tutelas-2005'>Tutelas 2005<\/a><\/div>\n<h4 class=\"pt-cv-title\"><a href=\"https:\/\/www.dmsjuridica.com\/buscador_20179478954\/corteconstitucionalcronologico202454587\/t-026-05\/\" class=\"_self\" target=\"_self\" >T-026-05<\/a><\/h4>\n<div class=\"pt-cv-content\">\u00a0 \u00a0 Sentencia T-026\/05 \u00a0 LIBERTAD RELIGIOSA Y DE CONCIENCIA-Protecci\u00f3n constitucional\/LIBERTAD RELIGIOSA-Fundamento colectivo \u00a0 LIBERTAD RELIGIOSA-Cancelaci\u00f3n de matr\u00edcula por parte del Sena por inasistencia a clases\/LIBERTAD RELIGIOSA-Aviso tard\u00edo de restricciones que impone la religi\u00f3n a miembros iglesia adventista\u00a0 \u00a0 INSTITUCION EDUCATIVA Y LIBERTAD RELIGIOSA-Debe considerarse la santidad de \u201csabath\u201d de miembros activos de la iglesia adventista del s\u00e9ptimo d\u00eda \u00a0 LIBERTAD RELIGIOSA-Comportamientos que ella implica \u00a0 Esta Corporaci\u00f3n ha determinado, en punto del derecho a la libertad religiosa y los comportamientos que ella implican, que: i) El derecho a la libertad de conciencia y de cultos implica no s\u00f3lo la ...<br \/><div class=\"pt-cv-rmwrap\"><a href=\"https:\/\/www.dmsjuridica.com\/buscador_20179478954\/corteconstitucionalcronologico202454587\/t-026-05\/\" class=\"_self pt-cv-readmore btn btn-success\" target=\"_self\">Ver Sentencia Completa...<\/a><\/div><\/div><\/div><\/div>\n<div class=\"col-md-12 col-sm-12 col-xs-12 pt-cv-content-item pt-cv-1-col\" ><div class='pt-cv-ifield'><a href=\"https:\/\/www.dmsjuridica.com\/buscador_20179478954\/corteconstitucionalcronologico202454587\/t-025-05\/\" class=\"_self pt-cv-href-thumbnail pt-cv-thumb-default\" target=\"_self\" ><\/a>\n<div class=\"pt-cv-taxoterm above_title\"><a href='https:\/\/www.dmsjuridica.com\/buscador_20179478954\/corteconstitucionalcronologico202454587\/category\/buscar-en-toda-la-corte\/2005\/tutelas-2005\/' title='Tutelas 2005' class='pt-cv-tax-tutelas-2005'>Tutelas 2005<\/a><\/div>\n<h4 class=\"pt-cv-title\"><a href=\"https:\/\/www.dmsjuridica.com\/buscador_20179478954\/corteconstitucionalcronologico202454587\/t-025-05\/\" class=\"_self\" target=\"_self\" >T-025-05<\/a><\/h4>\n<div class=\"pt-cv-content\">\u00a0 \u00a0 Sentencia T-025\/05 \u00a0 ACCION DE TUTELA-Presupuestos procesales \u00a0 ACCION DE TUTELA-Defensa de derechos fundamentales como requisito de procedibilidad\/ACCION DE TUTELA CONTRA ENTIDAD BANCARIA EN LIQUIDACION-Procedencia por afectaci\u00f3n de derechos fundamentales \u00a0 El primer presupuesto procesal de la acci\u00f3n de tutela exige que ella haya sido interpuesta para la defensa de un derecho fundamental y no de otra categor\u00eda de derechos. \u00a0Al respecto, para lo que interesa para la definici\u00f3n del presente asunto, la Sala observa que el demandante incoa la presente acci\u00f3n para la defensa de sus derechos \u201cal debido proceso, a la protecci\u00f3n de los derechos adquiridos, ...<br \/><div class=\"pt-cv-rmwrap\"><a href=\"https:\/\/www.dmsjuridica.com\/buscador_20179478954\/corteconstitucionalcronologico202454587\/t-025-05\/\" class=\"_self pt-cv-readmore btn btn-success\" target=\"_self\">Ver Sentencia Completa...<\/a><\/div><\/div><\/div><\/div>\n<div class=\"col-md-12 col-sm-12 col-xs-12 pt-cv-content-item pt-cv-1-col\" ><div class='pt-cv-ifield'><a href=\"https:\/\/www.dmsjuridica.com\/buscador_20179478954\/corteconstitucionalcronologico202454587\/t-024-05\/\" class=\"_self pt-cv-href-thumbnail pt-cv-thumb-default\" target=\"_self\" ><\/a>\n<div class=\"pt-cv-taxoterm above_title\"><a href='https:\/\/www.dmsjuridica.com\/buscador_20179478954\/corteconstitucionalcronologico202454587\/category\/buscar-en-toda-la-corte\/2005\/tutelas-2005\/' title='Tutelas 2005' class='pt-cv-tax-tutelas-2005'>Tutelas 2005<\/a><\/div>\n<h4 class=\"pt-cv-title\"><a href=\"https:\/\/www.dmsjuridica.com\/buscador_20179478954\/corteconstitucionalcronologico202454587\/t-024-05\/\" class=\"_self\" target=\"_self\" >T-024-05<\/a><\/h4>\n<div class=\"pt-cv-content\">\u00a0 \u00a0 Sentencia T-024\/05 \u00a0 INAPLICACION DE NORMAS DEL PLAN OBLIGATORIO DE SALUD-Falta de medicamento o tratamiento excluido vulnere o amenace derechos constitucionales fundamentales a la vida o integridad personal \u00a0 DERECHO A LA SALUD-Fundamental por conexidad con la vida \u00a0 DERECHO A LA SALUD-Riesgo del paciente por la carencia de bolsas de colostom\u00eda\/DERECHO A LA SALUD Y A LA VIDA DIGNA-Vulneraci\u00f3n por no suministro de bolsas de colostom\u00eda \u00a0 ACCION DE TUTELA CONTRA EL SEGURO SOCIAL-Suministro de bolsas de colostom\u00eda \u00a0 Referencia: expediente T-993633 \u00a0 Accionante: Ana Elvira Espitia Jim\u00e9nez \u00a0 Procedencia: Juzgado Treinta y tres Civil del Circuito ...<br \/><div class=\"pt-cv-rmwrap\"><a href=\"https:\/\/www.dmsjuridica.com\/buscador_20179478954\/corteconstitucionalcronologico202454587\/t-024-05\/\" class=\"_self pt-cv-readmore btn btn-success\" target=\"_self\">Ver Sentencia Completa...<\/a><\/div><\/div><\/div><\/div>\n<div class=\"col-md-12 col-sm-12 col-xs-12 pt-cv-content-item pt-cv-1-col\" ><div class='pt-cv-ifield'><a href=\"https:\/\/www.dmsjuridica.com\/buscador_20179478954\/corteconstitucionalcronologico202454587\/t-023-05\/\" class=\"_self pt-cv-href-thumbnail pt-cv-thumb-default\" target=\"_self\" ><\/a>\n<div class=\"pt-cv-taxoterm above_title\"><a href='https:\/\/www.dmsjuridica.com\/buscador_20179478954\/corteconstitucionalcronologico202454587\/category\/buscar-en-toda-la-corte\/2005\/tutelas-2005\/' title='Tutelas 2005' class='pt-cv-tax-tutelas-2005'>Tutelas 2005<\/a><\/div>\n<h4 class=\"pt-cv-title\"><a href=\"https:\/\/www.dmsjuridica.com\/buscador_20179478954\/corteconstitucionalcronologico202454587\/t-023-05\/\" class=\"_self\" target=\"_self\" >T-023-05<\/a><\/h4>\n<div class=\"pt-cv-content\">\u00a0 \u00a0 Sentencia T-023\/05 \u00a0 DERECHO A LA SALUD-Protecci\u00f3n\u00a0 \u00a0 PLAN OBLIGATORIO DE SALUD-Exclusiones y limitaciones \u00a0 El Plan Obligatorio de Salud consagra la existencia de exclusiones y limitaciones, que en general ser\u00e1n todas \u201caquellas actividades, procedimientos, intervenciones, medicamentos y gu\u00edas de atenci\u00f3n integral que expresamente defina el Consejo Nacional de Seguridad Social en Salud, que no tengan por objeto contribuir al diagn\u00f3stico, tratamiento y rehabilitaci\u00f3n de la enfermedad; aquellos que sean considerados como cosm\u00e9ticos, est\u00e9ticos o suntuarios, o sean el resultado de complicaciones de estos tratamientos o procedimientos\u201d. \u00a0 INAPLICACION DE NORMAS DEL PLAN OBLIGATORIO DE SALUD-Casos en que ...<br \/><div class=\"pt-cv-rmwrap\"><a href=\"https:\/\/www.dmsjuridica.com\/buscador_20179478954\/corteconstitucionalcronologico202454587\/t-023-05\/\" class=\"_self pt-cv-readmore btn btn-success\" target=\"_self\">Ver Sentencia Completa...<\/a><\/div><\/div><\/div><\/div>\n<div class=\"col-md-12 col-sm-12 col-xs-12 pt-cv-content-item pt-cv-1-col\" ><div class='pt-cv-ifield'><a href=\"https:\/\/www.dmsjuridica.com\/buscador_20179478954\/corteconstitucionalcronologico202454587\/t-022-05\/\" class=\"_self pt-cv-href-thumbnail pt-cv-thumb-default\" target=\"_self\" ><\/a>\n<div class=\"pt-cv-taxoterm above_title\"><a href='https:\/\/www.dmsjuridica.com\/buscador_20179478954\/corteconstitucionalcronologico202454587\/category\/buscar-en-toda-la-corte\/2005\/tutelas-2005\/' title='Tutelas 2005' class='pt-cv-tax-tutelas-2005'>Tutelas 2005<\/a><\/div>\n<h4 class=\"pt-cv-title\"><a href=\"https:\/\/www.dmsjuridica.com\/buscador_20179478954\/corteconstitucionalcronologico202454587\/t-022-05\/\" class=\"_self\" target=\"_self\" >T-022-05<\/a><\/h4>\n<div class=\"pt-cv-content\">\u00a0 \u00a0 Sentencia T-022\/05 \u00a0 ACCION DE TUTELA-Procedencia para evitar perjuicio irremediable\/ACCION DE TUTELA FRENTE A DECISIONES JURISDICCIONALES-Procedencia restringida cuando exista v\u00eda de hecho \u00a0 PROCESO EJECUTIVO-Agotamiento previo sobre autenticidad o falsedad de pagar\u00e9 objeto de ejecuci\u00f3n\/PROCESO EJECUTIVO-No pueden aducirse nuevas pruebas que pongan en duda autenticidad de t\u00edtulo valor \u00a0 COSA JUZGADA EN TUTELA-Valor definitorio como valor fundante y raz\u00f3n de ser del proceso\/COSA JUZGADA-Se funda en el principio de seguridad jur\u00eddica \u00a0 ACCION DE TUTELA-Mecanismo subsidiario para evitar un perjuicio irremediable pero inapropiado para reabrir debate jur\u00eddico \u00a0 PRINCIPIO DE COSA JUZGADA Y PRINCIPIO DE SUBSIDIARIEDAD-Imposibilidad jur\u00eddica de ...<br \/><div class=\"pt-cv-rmwrap\"><a href=\"https:\/\/www.dmsjuridica.com\/buscador_20179478954\/corteconstitucionalcronologico202454587\/t-022-05\/\" class=\"_self pt-cv-readmore btn btn-success\" target=\"_self\">Ver Sentencia Completa...<\/a><\/div><\/div><\/div><\/div>\n<div class=\"col-md-12 col-sm-12 col-xs-12 pt-cv-content-item pt-cv-1-col\" ><div class='pt-cv-ifield'><a href=\"https:\/\/www.dmsjuridica.com\/buscador_20179478954\/corteconstitucionalcronologico202454587\/t-021-05\/\" class=\"_self pt-cv-href-thumbnail pt-cv-thumb-default\" target=\"_self\" ><\/a>\n<div class=\"pt-cv-taxoterm above_title\"><a href='https:\/\/www.dmsjuridica.com\/buscador_20179478954\/corteconstitucionalcronologico202454587\/category\/buscar-en-toda-la-corte\/2005\/tutelas-2005\/' title='Tutelas 2005' class='pt-cv-tax-tutelas-2005'>Tutelas 2005<\/a><\/div>\n<h4 class=\"pt-cv-title\"><a href=\"https:\/\/www.dmsjuridica.com\/buscador_20179478954\/corteconstitucionalcronologico202454587\/t-021-05\/\" class=\"_self\" target=\"_self\" >T-021-05<\/a><\/h4>\n<div class=\"pt-cv-content\">\u00a0 \u00a0 Sentencia T-021\/05 \u00a0 ACCION DE TUTELA FRENTE A MEDIO DE DEFENSA JUDICIAL-Procedencia excepcional como mecanismo subsidiario para evitar un perjuicio irremediable \u00a0 ACCION DE TUTELA-Improcedencia para proteger derechos a la libertad econ\u00f3mica, libre empresa y libre competencia\/DERECHO AL TRABAJO-No existe violaci\u00f3n por desconocimiento en la identificaci\u00f3n e individualizaci\u00f3n del titular \u00a0 CONTRATO DE CONCESION DE SERVICIO DE ASEO-Procedimiento para establecer \u00e1rea de servicio exclusivo y adjudicaci\u00f3n\/CONTRATO DE CONCESION DE SERVICIO DE ASEO-Notificaci\u00f3n de la licitaci\u00f3n p\u00fablica mediante aviso\/CONTRATO DE CONCESION DE SERVICIO DE ASEO-Conocimiento oportuno del proceso licitatorio por parte de Empresa de Servicios P\u00fablicos \u00a0 Referencia: expediente ...<br \/><div class=\"pt-cv-rmwrap\"><a href=\"https:\/\/www.dmsjuridica.com\/buscador_20179478954\/corteconstitucionalcronologico202454587\/t-021-05\/\" class=\"_self pt-cv-readmore btn btn-success\" target=\"_self\">Ver Sentencia Completa...<\/a><\/div><\/div><\/div><\/div>\n<div class=\"col-md-12 col-sm-12 col-xs-12 pt-cv-content-item pt-cv-1-col\" ><div class='pt-cv-ifield'><a href=\"https:\/\/www.dmsjuridica.com\/buscador_20179478954\/corteconstitucionalcronologico202454587\/t-020-05\/\" class=\"_self pt-cv-href-thumbnail pt-cv-thumb-default\" target=\"_self\" ><\/a>\n<div class=\"pt-cv-taxoterm above_title\"><a href='https:\/\/www.dmsjuridica.com\/buscador_20179478954\/corteconstitucionalcronologico202454587\/category\/buscar-en-toda-la-corte\/2005\/tutelas-2005\/' title='Tutelas 2005' class='pt-cv-tax-tutelas-2005'>Tutelas 2005<\/a><\/div>\n<h4 class=\"pt-cv-title\"><a href=\"https:\/\/www.dmsjuridica.com\/buscador_20179478954\/corteconstitucionalcronologico202454587\/t-020-05\/\" class=\"_self\" target=\"_self\" >T-020-05<\/a><\/h4>\n<div class=\"pt-cv-content\">\u00a0 \u00a0 Sentencia T-020\/05 \u00a0 DERECHO DE PETICION-Resoluci\u00f3n de fondo \u00a0 DERECHO DE PETICION EN MATERIA PENSIONAL-T\u00e9rminos para resolver\/DERECHO DE PETICION EN MATERIA PENSIONAL-T\u00e9rmino de cuatro meses para resolver solicitud \u00a0 DERECHO DE PETICION ANTE EL SEGURO SOCIAL-Respuesta de fondo sobre reconocimiento pensi\u00f3n de vejez \u00a0 Referencia: expediente: T-985916 \u00a0 Actora: Bernab\u00e9 de Jes\u00fas P\u00e9rez Mendivelso \u00a0 Procedencia: Juzgado Quince Laboral del Circuito de Bogot\u00e1\u00a0 \u00a0 Magistrado Ponente:\u00a0 \u00a0 Dr. MARCO GERARDO MONROY CABRA \u00a0 Bogot\u00e1 D.C., veinte (20) de enero de dos mil cinco (2005) \u00a0 La Sala Sexta de Revisi\u00f3n de la Corte Constitucional, integrada por los Magistrados ...<br \/><div class=\"pt-cv-rmwrap\"><a href=\"https:\/\/www.dmsjuridica.com\/buscador_20179478954\/corteconstitucionalcronologico202454587\/t-020-05\/\" class=\"_self pt-cv-readmore btn btn-success\" target=\"_self\">Ver Sentencia Completa...<\/a><\/div><\/div><\/div><\/div>\n<div class=\"col-md-12 col-sm-12 col-xs-12 pt-cv-content-item pt-cv-1-col\" ><div class='pt-cv-ifield'><a href=\"https:\/\/www.dmsjuridica.com\/buscador_20179478954\/corteconstitucionalcronologico202454587\/t-019-05\/\" class=\"_self pt-cv-href-thumbnail pt-cv-thumb-default\" target=\"_self\" ><\/a>\n<div class=\"pt-cv-taxoterm above_title\"><a href='https:\/\/www.dmsjuridica.com\/buscador_20179478954\/corteconstitucionalcronologico202454587\/category\/buscar-en-toda-la-corte\/2005\/tutelas-2005\/' title='Tutelas 2005' class='pt-cv-tax-tutelas-2005'>Tutelas 2005<\/a><\/div>\n<h4 class=\"pt-cv-title\"><a href=\"https:\/\/www.dmsjuridica.com\/buscador_20179478954\/corteconstitucionalcronologico202454587\/t-019-05\/\" class=\"_self\" target=\"_self\" >T-019-05<\/a><\/h4>\n<div class=\"pt-cv-content\">\u00a0 \u00a0 Sentencia T-019\/05 \u00a0 LICENCIA DE MATERNIDAD-Reglas aplicables para el pago \u00a0 LICENCIA DE MATERNIDAD-Pago por tutela cuando afecta el m\u00ednimo vital de la madre y su hijo \u00a0 LICENCIA DE MATERNIDAD-Plazo hasta de un a\u00f1o para reclamar por tutela \u00a0 ACCION DE TUTELA CONTRA EL SEGURO SOCIAL-Plazo hasta de un a\u00f1o para reclamar licencia de maternidad \u00a0 LICENCIA DE MATERNIDAD-Pago por allanamiento a la mora por EPS \u00a0 Referencia: expediente: T-991876 \u00a0 Accionante: Ayda del Carmen Narv\u00e1ez Ibarra \u00a0 Procedencia: Juzgado Tercero Civil del Circuito de San Juan Pasto \u00a0 Magistrado Ponente:\u00a0 \u00a0 Dr. MARCO GERARDO MONROY CABRA ...<br \/><div class=\"pt-cv-rmwrap\"><a href=\"https:\/\/www.dmsjuridica.com\/buscador_20179478954\/corteconstitucionalcronologico202454587\/t-019-05\/\" class=\"_self pt-cv-readmore btn btn-success\" target=\"_self\">Ver Sentencia Completa...<\/a><\/div><\/div><\/div><\/div>\n<div class=\"col-md-12 col-sm-12 col-xs-12 pt-cv-content-item pt-cv-1-col\" ><div class='pt-cv-ifield'><a href=\"https:\/\/www.dmsjuridica.com\/buscador_20179478954\/corteconstitucionalcronologico202454587\/t-018-05\/\" class=\"_self pt-cv-href-thumbnail pt-cv-thumb-default\" target=\"_self\" ><\/a>\n<div class=\"pt-cv-taxoterm above_title\"><a href='https:\/\/www.dmsjuridica.com\/buscador_20179478954\/corteconstitucionalcronologico202454587\/category\/buscar-en-toda-la-corte\/2005\/tutelas-2005\/' title='Tutelas 2005' class='pt-cv-tax-tutelas-2005'>Tutelas 2005<\/a><\/div>\n<h4 class=\"pt-cv-title\"><a href=\"https:\/\/www.dmsjuridica.com\/buscador_20179478954\/corteconstitucionalcronologico202454587\/t-018-05\/\" class=\"_self\" target=\"_self\" >T-018-05<\/a><\/h4>\n<div class=\"pt-cv-content\">\u00a0 \u00a0 Sentencia T-018\/05 \u00a0 ACCION DE TUTELA CONTRA ENTIDAD BANCARIA-Procedencia \u00a0 ACCION DE TUTELA CONTRA CAJA AGRARIA EN LIQUIDACION-Error en cobro de cr\u00e9dito ordinario cancelado\u00a0 \u00a0 ENTIDAD BANCARIA-Abuso de posici\u00f3n dominante \u00a0 HABEAS DATA-Definici\u00f3n\/HABEAS DATA-Car\u00e1cter fundamental \u00a0 RECTIFICACION DE INFORMACION A ENTIDAD FINANCIERA-Solicitud previa como requisito de procedibilidad \u00a0 DERECHO AL BUEN NOMBRE-Actualizaci\u00f3n de informaci\u00f3n negativa por pago total de la obligaci\u00f3n \u00a0 DERECHO AL HABEAS DATA-Indebido reporte a bases de datos por error operativo del banco \u00a0 Referencia: expediente T-997539 \u00a0 Acci\u00f3n de tutela instaurada por el se\u00f1or Mart\u00edn Cuadros Nieto contra Caja Agraria en Liquidaci\u00f3n. \u00a0 Procedencia: ...<br \/><div class=\"pt-cv-rmwrap\"><a href=\"https:\/\/www.dmsjuridica.com\/buscador_20179478954\/corteconstitucionalcronologico202454587\/t-018-05\/\" class=\"_self pt-cv-readmore btn btn-success\" target=\"_self\">Ver Sentencia Completa...<\/a><\/div><\/div><\/div><\/div>\n<div class=\"col-md-12 col-sm-12 col-xs-12 pt-cv-content-item pt-cv-1-col\" ><div class='pt-cv-ifield'><a href=\"https:\/\/www.dmsjuridica.com\/buscador_20179478954\/corteconstitucionalcronologico202454587\/t-017-05\/\" class=\"_self pt-cv-href-thumbnail pt-cv-thumb-default\" target=\"_self\" ><\/a>\n<div class=\"pt-cv-taxoterm above_title\"><a href='https:\/\/www.dmsjuridica.com\/buscador_20179478954\/corteconstitucionalcronologico202454587\/category\/buscar-en-toda-la-corte\/2005\/tutelas-2005\/' title='Tutelas 2005' class='pt-cv-tax-tutelas-2005'>Tutelas 2005<\/a><\/div>\n<h4 class=\"pt-cv-title\"><a href=\"https:\/\/www.dmsjuridica.com\/buscador_20179478954\/corteconstitucionalcronologico202454587\/t-017-05\/\" class=\"_self\" target=\"_self\" >T-017-05<\/a><\/h4>\n<div class=\"pt-cv-content\">\u00a0 \u00a0 Sentencia T-017\/05 \u00a0 PRINCIPIO DE ARREGLO DIRECTO EN CONTRATACION ESTATAL-Alcance\/PRINCIPIO DE ARREGLO DIRECTO EN CONTRATACION ESTATAL-Soluci\u00f3n de controversias \u00a0 El principio del arreglo directo constituye uno de los pilares fundamentales bajo los cuales se edifica el Estatuto de la Contrataci\u00f3n Estatal o Administrativa. Su prop\u00f3sito consiste en someter las controversias o divergencias que se presentan en la ejecuci\u00f3n y desarrollo de la actividad contractual a la soluci\u00f3n de manera r\u00e1pida, inmediata y directa de las partes.\u00a0 \u00a0 AMIGABLE COMPOSICION-Efectividad de derechos y obligaciones de las partes de un contrato estatal \u00a0 Dada la esencialidad de algunos de los ...<br \/><div class=\"pt-cv-rmwrap\"><a href=\"https:\/\/www.dmsjuridica.com\/buscador_20179478954\/corteconstitucionalcronologico202454587\/t-017-05\/\" class=\"_self pt-cv-readmore btn btn-success\" target=\"_self\">Ver Sentencia Completa...<\/a><\/div><\/div><\/div><\/div>\n<div class=\"col-md-12 col-sm-12 col-xs-12 pt-cv-content-item pt-cv-1-col\" ><div class='pt-cv-ifield'><a href=\"https:\/\/www.dmsjuridica.com\/buscador_20179478954\/corteconstitucionalcronologico202454587\/t-016-05\/\" class=\"_self pt-cv-href-thumbnail pt-cv-thumb-default\" target=\"_self\" ><\/a>\n<div class=\"pt-cv-taxoterm above_title\"><a href='https:\/\/www.dmsjuridica.com\/buscador_20179478954\/corteconstitucionalcronologico202454587\/category\/buscar-en-toda-la-corte\/2005\/tutelas-2005\/' title='Tutelas 2005' class='pt-cv-tax-tutelas-2005'>Tutelas 2005<\/a><\/div>\n<h4 class=\"pt-cv-title\"><a href=\"https:\/\/www.dmsjuridica.com\/buscador_20179478954\/corteconstitucionalcronologico202454587\/t-016-05\/\" class=\"_self\" target=\"_self\" >T-016-05<\/a><\/h4>\n<div class=\"pt-cv-content\">\u00a0 \u00a0 Sentencia T-016\/05 \u00a0 ACCION DE TUTELA-Carencia actual de objeto por fallecimiento del enfermo \u00a0 SENTENCIA DE REVISION DE TUTELA-Fallecimiento de actor no exime pronunciamiento de fondo \u00a0 En cumplimiento de la funci\u00f3n de unificaci\u00f3n de la jurisprudencia que cumple la Corte mediante la eventual revisi\u00f3n de los fallos de tutela, esta Corporaci\u00f3n ha sostenido que la muerte del accionante durante este tr\u00e1mite, no la exime de proferir un pronunciamiento sobre la cuesti\u00f3n objeto de debate, porque no obstante a causa del deceso del actor esta Corporaci\u00f3n queda impedida para impartir la orden de protecci\u00f3n contra el demandado en ...<br \/><div class=\"pt-cv-rmwrap\"><a href=\"https:\/\/www.dmsjuridica.com\/buscador_20179478954\/corteconstitucionalcronologico202454587\/t-016-05\/\" class=\"_self pt-cv-readmore btn btn-success\" target=\"_self\">Ver Sentencia Completa...<\/a><\/div><\/div><\/div><\/div>\n<div class=\"col-md-12 col-sm-12 col-xs-12 pt-cv-content-item pt-cv-1-col\" ><div class='pt-cv-ifield'><a href=\"https:\/\/www.dmsjuridica.com\/buscador_20179478954\/corteconstitucionalcronologico202454587\/t-015-05\/\" class=\"_self pt-cv-href-thumbnail pt-cv-thumb-default\" target=\"_self\" ><\/a>\n<div class=\"pt-cv-taxoterm above_title\"><a href='https:\/\/www.dmsjuridica.com\/buscador_20179478954\/corteconstitucionalcronologico202454587\/category\/buscar-en-toda-la-corte\/2005\/tutelas-2005\/' title='Tutelas 2005' class='pt-cv-tax-tutelas-2005'>Tutelas 2005<\/a><\/div>\n<h4 class=\"pt-cv-title\"><a href=\"https:\/\/www.dmsjuridica.com\/buscador_20179478954\/corteconstitucionalcronologico202454587\/t-015-05\/\" class=\"_self\" target=\"_self\" >T-015-05<\/a><\/h4>\n<div class=\"pt-cv-content\">\u00a0 \u00a0 Sentencia T-015\/05 \u00a0 ACCION DE TUTELA-Improcedencia sobre controversias econ\u00f3micas en asuntos de salud \u00a0 De conformidad con los art\u00edculos 86 de la Constituci\u00f3n Pol\u00edtica y el 1\u00b0 del Decreto 2591 de 1991, el objeto de la acci\u00f3n de tutela se circunscribe a la protecci\u00f3n de derechos constitucionales fundamentales. Por lo tanto, dicho amparo constitucional no procede \u00a0para resolver conflictos de naturaleza econ\u00f3mica, toda vez que para estos casos existen en el ordenamiento jur\u00eddico innumerables mecanismos de protecci\u00f3n judicial. De lo anterior, se concluye que la acci\u00f3n de tutela ha sido consagrada constitucionalmente y desarrollada legalmente, como un mecanismo ...<br \/><div class=\"pt-cv-rmwrap\"><a href=\"https:\/\/www.dmsjuridica.com\/buscador_20179478954\/corteconstitucionalcronologico202454587\/t-015-05\/\" class=\"_self pt-cv-readmore btn btn-success\" target=\"_self\">Ver Sentencia Completa...<\/a><\/div><\/div><\/div><\/div>\n<div class=\"col-md-12 col-sm-12 col-xs-12 pt-cv-content-item pt-cv-1-col\" ><div class='pt-cv-ifield'><a href=\"https:\/\/www.dmsjuridica.com\/buscador_20179478954\/corteconstitucionalcronologico202454587\/t-014-05\/\" class=\"_self pt-cv-href-thumbnail pt-cv-thumb-default\" target=\"_self\" ><\/a>\n<div class=\"pt-cv-taxoterm above_title\"><a href='https:\/\/www.dmsjuridica.com\/buscador_20179478954\/corteconstitucionalcronologico202454587\/category\/buscar-en-toda-la-corte\/2005\/tutelas-2005\/' title='Tutelas 2005' class='pt-cv-tax-tutelas-2005'>Tutelas 2005<\/a><\/div>\n<h4 class=\"pt-cv-title\"><a href=\"https:\/\/www.dmsjuridica.com\/buscador_20179478954\/corteconstitucionalcronologico202454587\/t-014-05\/\" class=\"_self\" target=\"_self\" >T-014-05<\/a><\/h4>\n<div class=\"pt-cv-content\">\u00a0 \u00a0 Sentencia T-014\/05 \u00a0 ACCION DE TUTELA-Improcedencia para hacer efectivas obligaciones dinerarias por suministro de art\u00edculos a entidad p\u00fablica \u00a0 ACUERDOS DE REESTRUCTURACION DE PASIVOS-Naturaleza contractual\/ACUERDOS DE REESTRUCTURACION DE PASIVOS-Igualdad de los acreedores convocados \u00a0 Sin perjuicio de la naturaleza contractual de los Acuerdos de Reestructuraci\u00f3n de Pasivos y del inter\u00e9s de obtener la satisfacci\u00f3n total de sus acreencias en el menor tiempo individual que acompa\u00f1a a cada uno de los acreedores comprometidos con dichos Acuerdos, lo cierto es que \u00e9stos, como los procesos judiciales concursales, comportan un inter\u00e9s p\u00fablico de \u00edndole econ\u00f3mico y social de gran entidad, frente ...<br \/><div class=\"pt-cv-rmwrap\"><a href=\"https:\/\/www.dmsjuridica.com\/buscador_20179478954\/corteconstitucionalcronologico202454587\/t-014-05\/\" class=\"_self pt-cv-readmore btn btn-success\" target=\"_self\">Ver Sentencia Completa...<\/a><\/div><\/div><\/div><\/div>\n<div class=\"col-md-12 col-sm-12 col-xs-12 pt-cv-content-item pt-cv-1-col\" ><div class='pt-cv-ifield'><a href=\"https:\/\/www.dmsjuridica.com\/buscador_20179478954\/corteconstitucionalcronologico202454587\/t-013-05\/\" class=\"_self pt-cv-href-thumbnail pt-cv-thumb-default\" target=\"_self\" ><\/a>\n<div class=\"pt-cv-taxoterm above_title\"><a href='https:\/\/www.dmsjuridica.com\/buscador_20179478954\/corteconstitucionalcronologico202454587\/category\/buscar-en-toda-la-corte\/2005\/tutelas-2005\/' title='Tutelas 2005' class='pt-cv-tax-tutelas-2005'>Tutelas 2005<\/a><\/div>\n<h4 class=\"pt-cv-title\"><a href=\"https:\/\/www.dmsjuridica.com\/buscador_20179478954\/corteconstitucionalcronologico202454587\/t-013-05\/\" class=\"_self\" target=\"_self\" >T-013-05<\/a><\/h4>\n<div class=\"pt-cv-content\">\u00a0 \u00a0 Sentencia T-013\/05 \u00a0 ACCION DE TUTELA-T\u00e9rmino razonable de presentaci\u00f3n\/ACCION DE TUTELA-Inmediatez \u00a0 La inmediatez tiene particular relevancia trat\u00e1ndose de la impugnaci\u00f3n de providencias judiciales, porque no puede mantenerse indefinidamente la incertidumbre en torno a la firmeza de las decisiones judiciales. De esta manera, si bien, de manera excepcional\u00edsima, cabe la acci\u00f3n de tutela contra providencias judiciales, cuando se pueda establecer que en realidad ellas constituyen una v\u00eda de hecho, la naturaleza grosera y protuberante del defecto presente en la actuaci\u00f3n judicial que abre la v\u00eda para el amparo, exige que el mismo se solicite de inmediato, sin que ...<br \/><div class=\"pt-cv-rmwrap\"><a href=\"https:\/\/www.dmsjuridica.com\/buscador_20179478954\/corteconstitucionalcronologico202454587\/t-013-05\/\" class=\"_self pt-cv-readmore btn btn-success\" target=\"_self\">Ver Sentencia Completa...<\/a><\/div><\/div><\/div><\/div>\n<div class=\"col-md-12 col-sm-12 col-xs-12 pt-cv-content-item pt-cv-1-col\" ><div class='pt-cv-ifield'><a href=\"https:\/\/www.dmsjuridica.com\/buscador_20179478954\/corteconstitucionalcronologico202454587\/t-012-05\/\" class=\"_self pt-cv-href-thumbnail pt-cv-thumb-default\" target=\"_self\" ><\/a>\n<div class=\"pt-cv-taxoterm above_title\"><a href='https:\/\/www.dmsjuridica.com\/buscador_20179478954\/corteconstitucionalcronologico202454587\/category\/buscar-en-toda-la-corte\/2005\/tutelas-2005\/' title='Tutelas 2005' class='pt-cv-tax-tutelas-2005'>Tutelas 2005<\/a><\/div>\n<h4 class=\"pt-cv-title\"><a href=\"https:\/\/www.dmsjuridica.com\/buscador_20179478954\/corteconstitucionalcronologico202454587\/t-012-05\/\" class=\"_self\" target=\"_self\" >T-012-05<\/a><\/h4>\n<div class=\"pt-cv-content\">\u00a0 \u00a0 Sentencia T-012\/05 \u00a0 SENTENCIA DE REVISION DE TUTELA-Breve justificaci\u00f3n \u00a0 DERECHO DE PETICION-Requisitos de la respuesta \u00a0 DERECHO DE PETICION ANTE EL SEGURO SOCIAL-Respuesta de fondo sobre reconocimiento de indemnizaci\u00f3n\u00a0 \u00a0 Reiteraci\u00f3n de jurisprudencia \u00a0 Referencia: expediente T-1022318 \u00a0 Acci\u00f3n de tutela instaurada por la \u00a0se\u00f1ora Libia del Carmen Ortega Recuero, contra el Instituto del Seguro Social Seccional \u00a0San Andr\u00e9s Isla. \u00a0 Magistrado Ponente: \u00a0 Dr. MANUEL JOS\u00c9 CEPEDA ESPINOSA \u00a0 Bogot\u00e1, D.C., diecinueve (19) de enero de dos mil cinco (2005). \u00a0 La Sala Tercera de Revisi\u00f3n de la Corte Constitucional, integrada por los Magistrados Manuel Jos\u00e9 ...<br \/><div class=\"pt-cv-rmwrap\"><a href=\"https:\/\/www.dmsjuridica.com\/buscador_20179478954\/corteconstitucionalcronologico202454587\/t-012-05\/\" class=\"_self pt-cv-readmore btn btn-success\" target=\"_self\">Ver Sentencia Completa...<\/a><\/div><\/div><\/div><\/div>\n<div class=\"col-md-12 col-sm-12 col-xs-12 pt-cv-content-item pt-cv-1-col\" ><div class='pt-cv-ifield'><a href=\"https:\/\/www.dmsjuridica.com\/buscador_20179478954\/corteconstitucionalcronologico202454587\/t-011-05\/\" class=\"_self pt-cv-href-thumbnail pt-cv-thumb-default\" target=\"_self\" ><\/a>\n<div class=\"pt-cv-taxoterm above_title\"><a href='https:\/\/www.dmsjuridica.com\/buscador_20179478954\/corteconstitucionalcronologico202454587\/category\/buscar-en-toda-la-corte\/2005\/tutelas-2005\/' title='Tutelas 2005' class='pt-cv-tax-tutelas-2005'>Tutelas 2005<\/a><\/div>\n<h4 class=\"pt-cv-title\"><a href=\"https:\/\/www.dmsjuridica.com\/buscador_20179478954\/corteconstitucionalcronologico202454587\/t-011-05\/\" class=\"_self\" target=\"_self\" >T-011-05<\/a><\/h4>\n<div class=\"pt-cv-content\">\u00a0 \u00a0 Sentencia T-011\/05 \u00a0 SENTENCIA DE REVISION DE TUTELA-Breve justificaci\u00f3n \u00a0 DERECHO DE PETICION-Requisitos de la respuesta \u00a0 DERECHO DE PETICION EN MATERIA PENSIONAL-T\u00e9rminos para resolver\/DERECHO DE PETICION EN MATERIA PENSIONAL-T\u00e9rmino de cuatro meses para resolver solicitud \u00a0 DERECHO DE PETICION ANTE CAJA NACIONAL-Respuesta de fondo sobre pensi\u00f3n gracia \u00a0 Reiteraci\u00f3n de jurisprudencia \u00a0 Referencia: expediente T-1017349 \u00a0 Acci\u00f3n de tutela instaurada por Julio Cesar C\u00f3rdoba Miranda, contra CAJANAL. \u00a0 Magistrado Ponente: \u00a0 Dr. MANUEL JOS\u00c9 CEPEDA ESPINOSA \u00a0 Bogot\u00e1 D.C., diecinueve (19) de enero de dos mil cinco (2005). \u00a0 La Sala Tercera de Revisi\u00f3n de la Corte ...<br \/><div class=\"pt-cv-rmwrap\"><a href=\"https:\/\/www.dmsjuridica.com\/buscador_20179478954\/corteconstitucionalcronologico202454587\/t-011-05\/\" class=\"_self pt-cv-readmore btn btn-success\" target=\"_self\">Ver Sentencia Completa...<\/a><\/div><\/div><\/div><\/div>\n<div class=\"col-md-12 col-sm-12 col-xs-12 pt-cv-content-item pt-cv-1-col\" ><div class='pt-cv-ifield'><a href=\"https:\/\/www.dmsjuridica.com\/buscador_20179478954\/corteconstitucionalcronologico202454587\/t-010-05\/\" class=\"_self pt-cv-href-thumbnail pt-cv-thumb-default\" target=\"_self\" ><\/a>\n<div class=\"pt-cv-taxoterm above_title\"><a href='https:\/\/www.dmsjuridica.com\/buscador_20179478954\/corteconstitucionalcronologico202454587\/category\/buscar-en-toda-la-corte\/2005\/tutelas-2005\/' title='Tutelas 2005' class='pt-cv-tax-tutelas-2005'>Tutelas 2005<\/a><\/div>\n<h4 class=\"pt-cv-title\"><a href=\"https:\/\/www.dmsjuridica.com\/buscador_20179478954\/corteconstitucionalcronologico202454587\/t-010-05\/\" class=\"_self\" target=\"_self\" >T-010-05<\/a><\/h4>\n<div class=\"pt-cv-content\">\u00a0 \u00a0 Sentencia T-010\/05 \u00a0 SENTENCIA DE REVISION DE TUTELA-Breve justificaci\u00f3n \u00a0 DERECHO DE PETICION-Requisitos de la respuesta \u00a0 DERECHO DE PETICION EN MATERIA PENSIONAL-T\u00e9rminos para resolver\/DERECHO DE PETICION PARA RESOLVER SOLICITUD DE PENSIONES-T\u00e9rmino de cuatro meses \u00a0 DERECHO DE PETICION ANTE EL SEGURO SOCIAL-Respuesta de fondo sobre reconocimiento pensi\u00f3n de vejez \u00a0 Reiteraci\u00f3n de jurisprudencia \u00a0 Referencia: expediente T-1014440 \u00a0 Acci\u00f3n de tutela instaurada por el se\u00f1or Jos\u00e9 Hern\u00e1n de Jes\u00fas Heredia Maldonado, contra el Instituto del Seguro Social - Seccional a Valle. \u00a0 Magistrado Ponente: \u00a0 Dr. MANUEL JOS\u00c9 CEPEDA ESPINOSA \u00a0 Bogot\u00e1 D.C., diecinueve (19) de enero ...<br \/><div class=\"pt-cv-rmwrap\"><a href=\"https:\/\/www.dmsjuridica.com\/buscador_20179478954\/corteconstitucionalcronologico202454587\/t-010-05\/\" class=\"_self pt-cv-readmore btn btn-success\" target=\"_self\">Ver Sentencia Completa...<\/a><\/div><\/div><\/div><\/div>\n<div class=\"col-md-12 col-sm-12 col-xs-12 pt-cv-content-item pt-cv-1-col\" ><div class='pt-cv-ifield'><a href=\"https:\/\/www.dmsjuridica.com\/buscador_20179478954\/corteconstitucionalcronologico202454587\/t-009-05\/\" class=\"_self pt-cv-href-thumbnail pt-cv-thumb-default\" target=\"_self\" ><\/a>\n<div class=\"pt-cv-taxoterm above_title\"><a href='https:\/\/www.dmsjuridica.com\/buscador_20179478954\/corteconstitucionalcronologico202454587\/category\/buscar-en-toda-la-corte\/2005\/tutelas-2005\/' title='Tutelas 2005' class='pt-cv-tax-tutelas-2005'>Tutelas 2005<\/a><\/div>\n<h4 class=\"pt-cv-title\"><a href=\"https:\/\/www.dmsjuridica.com\/buscador_20179478954\/corteconstitucionalcronologico202454587\/t-009-05\/\" class=\"_self\" target=\"_self\" >T-009-05<\/a><\/h4>\n<div class=\"pt-cv-content\">\u00a0 \u00a0 Sentencia T-009\/05 \u00a0 SENTENCIA DE REVISION DE TUTELA-Breve justificaci\u00f3n \u00a0 DERECHO DE PETICION-Requisitos de la respuesta \u00a0 DERECHO DE PETICION EN MATERIA PENSIONAL-T\u00e9rminos para resolver\/DERECHO DE PETICION EN MATERIA PENSIONAL-T\u00e9rmino de cuatro meses para resolver solicitud \u00a0 DERECHO DE PETICION ANTE CAJA NACIONAL-Respuesta de fondo sobre reliquidaci\u00f3n pensi\u00f3n de r\u00e9gimen especial \u00a0 Reiteraci\u00f3n de jurisprudencia \u00a0 Referencia: expediente T-1013474 \u00a0 Acci\u00f3n de tutela instaurada por la se\u00f1ora Marleny D\u00edaz de Cruz, contra la Caja Nacional de Previsi\u00f3n Social. \u00a0 Magistrado Ponente: \u00a0 Dr. MANUEL JOS\u00c9 CEPEDA ESPINOSA \u00a0 Bogot\u00e1 D.C., diecinueve (19) de enero de dos mil cinco ...<br \/><div class=\"pt-cv-rmwrap\"><a href=\"https:\/\/www.dmsjuridica.com\/buscador_20179478954\/corteconstitucionalcronologico202454587\/t-009-05\/\" class=\"_self pt-cv-readmore btn btn-success\" target=\"_self\">Ver Sentencia Completa...<\/a><\/div><\/div><\/div><\/div>\n<div class=\"col-md-12 col-sm-12 col-xs-12 pt-cv-content-item pt-cv-1-col\" ><div class='pt-cv-ifield'><a href=\"https:\/\/www.dmsjuridica.com\/buscador_20179478954\/corteconstitucionalcronologico202454587\/t-008-05\/\" class=\"_self pt-cv-href-thumbnail pt-cv-thumb-default\" target=\"_self\" ><\/a>\n<div class=\"pt-cv-taxoterm above_title\"><a href='https:\/\/www.dmsjuridica.com\/buscador_20179478954\/corteconstitucionalcronologico202454587\/category\/buscar-en-toda-la-corte\/2005\/tutelas-2005\/' title='Tutelas 2005' class='pt-cv-tax-tutelas-2005'>Tutelas 2005<\/a><\/div>\n<h4 class=\"pt-cv-title\"><a href=\"https:\/\/www.dmsjuridica.com\/buscador_20179478954\/corteconstitucionalcronologico202454587\/t-008-05\/\" class=\"_self\" target=\"_self\" >T-008-05<\/a><\/h4>\n<div class=\"pt-cv-content\">\u00a0 \u00a0 Sentencia T-008\/05 \u00a0 SENTENCIA DE REVISION DE TUTELA-Breve justificaci\u00f3n \u00a0 INAPLICACION DE NORMAS DEL PLAN OBLIGATORIO DE SALUD-Casos en que procede \u00a0 DERECHO A LA SALUD DE PERSONA DE LA TERCERA EDAD-Fundamental por conexidad con la vida \u00a0 Reiteraci\u00f3n de Jurisprudencia \u00a0 Referencia: expediente T-987809 \u00a0 Acci\u00f3n de tutela instaurada por H\u00e9ctor Jos\u00e9 Guerrero, contra el Instituto de los Seguros Sociales. \u00a0 Magistrado Ponente \u00a0 Dr. MANUEL JOS\u00c9 CEPEDA ESPINOSA \u00a0 Bogot\u00e1, D.C., diecinueve (19) de enero de dos mil cinco (2005). \u00a0 Teniendo en cuenta que el problema jur\u00eddico que suscita la presente acci\u00f3n de tutela ya ...<br \/><div class=\"pt-cv-rmwrap\"><a href=\"https:\/\/www.dmsjuridica.com\/buscador_20179478954\/corteconstitucionalcronologico202454587\/t-008-05\/\" class=\"_self pt-cv-readmore btn btn-success\" target=\"_self\">Ver Sentencia Completa...<\/a><\/div><\/div><\/div><\/div>\n<div class=\"col-md-12 col-sm-12 col-xs-12 pt-cv-content-item pt-cv-1-col\" ><div class='pt-cv-ifield'><a href=\"https:\/\/www.dmsjuridica.com\/buscador_20179478954\/corteconstitucionalcronologico202454587\/t-007-05\/\" class=\"_self pt-cv-href-thumbnail pt-cv-thumb-default\" target=\"_self\" ><\/a>\n<div class=\"pt-cv-taxoterm above_title\"><a href='https:\/\/www.dmsjuridica.com\/buscador_20179478954\/corteconstitucionalcronologico202454587\/category\/buscar-en-toda-la-corte\/2005\/tutelas-2005\/' title='Tutelas 2005' class='pt-cv-tax-tutelas-2005'>Tutelas 2005<\/a><\/div>\n<h4 class=\"pt-cv-title\"><a href=\"https:\/\/www.dmsjuridica.com\/buscador_20179478954\/corteconstitucionalcronologico202454587\/t-007-05\/\" class=\"_self\" target=\"_self\" >T-007-05<\/a><\/h4>\n<div class=\"pt-cv-content\">\u00a0 \u00a0 Sentencia T-007\/05 \u00a0 INAPLICACION DE NORMAS DEL PLAN OBLIGATORIO DE SALUD-Casos en que procede\/INAPLICACION DE NORMAS DEL PLAN OBLIGATORIO DE SALUD-Medicamento o procedimiento no puede ser sustituido por otro que se encuentre incluido en el listado \u00a0 ACCION DE TUTELA-En conflictos sobre servicios de salud prevalecen los que ha ordenado el m\u00e9dico tratante \u00a0 DERECHO A LA VIDA DEL MENOR-Realizaci\u00f3n cirug\u00eda e implantaci\u00f3n de pr\u00f3tesis excluidos del POS \u00a0 ENTIDAD PROMOTORA DE SALUD-Realizaci\u00f3n cirug\u00eda a menor de edad e implantaci\u00f3n de pr\u00f3tesis excluidos del POS\/ENTIDAD PROMOTORA DE SALUD-Repetici\u00f3n contra el Fosyga \u00a0 Reiteraci\u00f3n de jurisprudencia \u00a0 Referencia: expediente ...<br \/><div class=\"pt-cv-rmwrap\"><a href=\"https:\/\/www.dmsjuridica.com\/buscador_20179478954\/corteconstitucionalcronologico202454587\/t-007-05\/\" class=\"_self pt-cv-readmore btn btn-success\" target=\"_self\">Ver Sentencia Completa...<\/a><\/div><\/div><\/div><\/div>\n<div class=\"col-md-12 col-sm-12 col-xs-12 pt-cv-content-item pt-cv-1-col\" ><div class='pt-cv-ifield'><a href=\"https:\/\/www.dmsjuridica.com\/buscador_20179478954\/corteconstitucionalcronologico202454587\/t-006-05\/\" class=\"_self pt-cv-href-thumbnail pt-cv-thumb-default\" target=\"_self\" ><\/a>\n<div class=\"pt-cv-taxoterm above_title\"><a href='https:\/\/www.dmsjuridica.com\/buscador_20179478954\/corteconstitucionalcronologico202454587\/category\/buscar-en-toda-la-corte\/2005\/tutelas-2005\/' title='Tutelas 2005' class='pt-cv-tax-tutelas-2005'>Tutelas 2005<\/a><\/div>\n<h4 class=\"pt-cv-title\"><a href=\"https:\/\/www.dmsjuridica.com\/buscador_20179478954\/corteconstitucionalcronologico202454587\/t-006-05\/\" class=\"_self\" target=\"_self\" >T-006-05<\/a><\/h4>\n<div class=\"pt-cv-content\">\u00a0 \u00a0 Sentencia T-006\/05 \u00a0 ACTO PROPIO-Respeto\/ACTO PROPIO-Condiciones para su aplicaci\u00f3n \u00a0 RELIQUIDACION DE CREDITO HIPOTECARIO \u00a0 DEBIDO PROCESO-Vulneraci\u00f3n de Bancaf\u00e9 por imputaci\u00f3n de una nueva deuda \u00a0 DERECHO A LA VIVIENDA DIGNA-Reconocimiento cancelaci\u00f3n deuda y entrega pagar\u00e9s garant\u00eda de obligaci\u00f3n hipotecaria \u00a0 Reiteraci\u00f3n de Jurisprudencia \u00a0 Referencia: expediente T-974875 \u00a0 Acci\u00f3n de tutela instaurada por Gregorio S\u00e1nchez Vallejo contra BANCAFE \u00a0 Magistrado Ponente \u00a0 Dr. MANUEL JOS\u00c9 CEPEDA ESPINOSA \u00a0 Bogot\u00e1, D.C., diecinueve (19) de enero de dos mil cinco (2005). \u00a0 Teniendo en cuenta que el problema jur\u00eddico que suscita la presente acci\u00f3n de tutela ya ha sido ...<br \/><div class=\"pt-cv-rmwrap\"><a href=\"https:\/\/www.dmsjuridica.com\/buscador_20179478954\/corteconstitucionalcronologico202454587\/t-006-05\/\" class=\"_self pt-cv-readmore btn btn-success\" target=\"_self\">Ver Sentencia Completa...<\/a><\/div><\/div><\/div><\/div>\n<div class=\"col-md-12 col-sm-12 col-xs-12 pt-cv-content-item pt-cv-1-col\" ><div class='pt-cv-ifield'><a href=\"https:\/\/www.dmsjuridica.com\/buscador_20179478954\/corteconstitucionalcronologico202454587\/t-005-05\/\" class=\"_self pt-cv-href-thumbnail pt-cv-thumb-default\" target=\"_self\" ><\/a>\n<div class=\"pt-cv-taxoterm above_title\"><a href='https:\/\/www.dmsjuridica.com\/buscador_20179478954\/corteconstitucionalcronologico202454587\/category\/buscar-en-toda-la-corte\/2005\/tutelas-2005\/' title='Tutelas 2005' class='pt-cv-tax-tutelas-2005'>Tutelas 2005<\/a><\/div>\n<h4 class=\"pt-cv-title\"><a href=\"https:\/\/www.dmsjuridica.com\/buscador_20179478954\/corteconstitucionalcronologico202454587\/t-005-05\/\" class=\"_self\" target=\"_self\" >T-005-05<\/a><\/h4>\n<div class=\"pt-cv-content\">\u00a0 \u00a0 Sentencia T-005\/05 \u00a0 DERECHO A LA SALUD DE PERSONA DE LA TERCERA EDAD-Fundamental por conexidad con la vida \u00a0 ENTIDAD PROMOTORA DE SALUD-Prestaci\u00f3n servicio de salud ordenado por m\u00e9dico tratante \u00a0 ACCION DE TUTELA-Notificaci\u00f3n dentro del t\u00e9rmino del Decreto 2591 de 1991 art\u00edculo 36 como garant\u00eda de efectividad \u00a0 Reiteraci\u00f3n de Jurisprudencia \u00a0 Referencia: expediente T-973978 \u00a0 Acci\u00f3n de tutela instaurada por Rosa Mar\u00eda Ram\u00edrez de Lima, en contra de CAJANAL EPS. \u00a0 Magistrado Ponente \u00a0 Dr. MANUEL JOS\u00c9 CEPEDA ESPINOSA \u00a0 Bogot\u00e1, D.C., diecinueve (19) de enero de dos mil cinco (2005). \u00a0 Teniendo en cuenta que ...<br \/><div class=\"pt-cv-rmwrap\"><a href=\"https:\/\/www.dmsjuridica.com\/buscador_20179478954\/corteconstitucionalcronologico202454587\/t-005-05\/\" class=\"_self pt-cv-readmore btn btn-success\" target=\"_self\">Ver Sentencia Completa...<\/a><\/div><\/div><\/div><\/div>\n<div class=\"col-md-12 col-sm-12 col-xs-12 pt-cv-content-item pt-cv-1-col\" ><div class='pt-cv-ifield'><a href=\"https:\/\/www.dmsjuridica.com\/buscador_20179478954\/corteconstitucionalcronologico202454587\/t-004-05\/\" class=\"_self pt-cv-href-thumbnail pt-cv-thumb-default\" target=\"_self\" ><\/a>\n<div class=\"pt-cv-taxoterm above_title\"><a href='https:\/\/www.dmsjuridica.com\/buscador_20179478954\/corteconstitucionalcronologico202454587\/category\/buscar-en-toda-la-corte\/2005\/tutelas-2005\/' title='Tutelas 2005' class='pt-cv-tax-tutelas-2005'>Tutelas 2005<\/a><\/div>\n<h4 class=\"pt-cv-title\"><a href=\"https:\/\/www.dmsjuridica.com\/buscador_20179478954\/corteconstitucionalcronologico202454587\/t-004-05\/\" class=\"_self\" target=\"_self\" >T-004-05<\/a><\/h4>\n<div class=\"pt-cv-content\">\u00a0 \u00a0 Sentencia T-004\/05 \u00a0 DERECHO A LA SALUD Y SEGURIDAD SOCIAL DEL NI\u00d1O-Fundamental \u00a0 Los derechos a la salud y a la seguridad social tienen la categor\u00eda de prestacionales, lo que implica que por s\u00ed solos no pueden ser objeto de protecci\u00f3n por v\u00eda de acci\u00f3n de tutela, salvo que su afectaci\u00f3n se encuentre \u00edntimamente ligada con un derecho de naturaleza fundamental, como ser\u00eda el caso de la vida o la integridad f\u00edsica. No obstante, cuando el titular de los mismos es un menor de edad, por expresa disposici\u00f3n del Constituyente, se tornan en fundamentales y, por lo tanto, ...<br \/><div class=\"pt-cv-rmwrap\"><a href=\"https:\/\/www.dmsjuridica.com\/buscador_20179478954\/corteconstitucionalcronologico202454587\/t-004-05\/\" class=\"_self pt-cv-readmore btn btn-success\" target=\"_self\">Ver Sentencia Completa...<\/a><\/div><\/div><\/div><\/div>\n<div class=\"col-md-12 col-sm-12 col-xs-12 pt-cv-content-item pt-cv-1-col\" ><div class='pt-cv-ifield'><a href=\"https:\/\/www.dmsjuridica.com\/buscador_20179478954\/corteconstitucionalcronologico202454587\/t-003-05\/\" class=\"_self pt-cv-href-thumbnail pt-cv-thumb-default\" target=\"_self\" ><\/a>\n<div class=\"pt-cv-taxoterm above_title\"><a href='https:\/\/www.dmsjuridica.com\/buscador_20179478954\/corteconstitucionalcronologico202454587\/category\/buscar-en-toda-la-corte\/2005\/tutelas-2005\/' title='Tutelas 2005' class='pt-cv-tax-tutelas-2005'>Tutelas 2005<\/a><\/div>\n<h4 class=\"pt-cv-title\"><a href=\"https:\/\/www.dmsjuridica.com\/buscador_20179478954\/corteconstitucionalcronologico202454587\/t-003-05\/\" class=\"_self\" target=\"_self\" >T-003-05<\/a><\/h4>\n<div class=\"pt-cv-content\">\u00a0 \u00a0 Sentencia T-003\/05 \u00a0 DEBER DE ASISTENCIA FAMILIAR-Se predica respecto de sus miembros enfermos \u00a0 JUEZ CONSTITUCIONAL-Competencia para armonizar intereses \u00a0 El deber del juez constitucional es el de armonizar los intereses en juego, respetando el \u00e1mbito en que act\u00faa cada cual, de forma tal que sean efectivamente garantizados los derechos de la persona que no puede hacerlos valer por s\u00ed mismo.\u00a0 \u00a0 JUEZ CONSTITUCIONAL-No puede valorar un tratamiento m\u00e9dico \u00a0 DERECHO A LA SEGURIDAD SOCIAL Y A LA SALUD DE PERSONA DISCAPACITADA-Fundamental por conexidad con la vida \u00a0 DERECHO A LA SALUD Y A LA VIDA DE PERSONA ...<br \/><div class=\"pt-cv-rmwrap\"><a href=\"https:\/\/www.dmsjuridica.com\/buscador_20179478954\/corteconstitucionalcronologico202454587\/t-003-05\/\" class=\"_self pt-cv-readmore btn btn-success\" target=\"_self\">Ver Sentencia Completa...<\/a><\/div><\/div><\/div><\/div>\n<div class=\"col-md-12 col-sm-12 col-xs-12 pt-cv-content-item pt-cv-1-col\" ><div class='pt-cv-ifield'><a href=\"https:\/\/www.dmsjuridica.com\/buscador_20179478954\/corteconstitucionalcronologico202454587\/t-002-05\/\" class=\"_self pt-cv-href-thumbnail pt-cv-thumb-default\" target=\"_self\" ><\/a>\n<div class=\"pt-cv-taxoterm above_title\"><a href='https:\/\/www.dmsjuridica.com\/buscador_20179478954\/corteconstitucionalcronologico202454587\/category\/buscar-en-toda-la-corte\/2005\/tutelas-2005\/' title='Tutelas 2005' class='pt-cv-tax-tutelas-2005'>Tutelas 2005<\/a><\/div>\n<h4 class=\"pt-cv-title\"><a href=\"https:\/\/www.dmsjuridica.com\/buscador_20179478954\/corteconstitucionalcronologico202454587\/t-002-05\/\" class=\"_self\" target=\"_self\" >T-002-05<\/a><\/h4>\n<div class=\"pt-cv-content\">\u00a0 \u00a0 Sentencia T-002\/05 \u00a0 INAPLICACION DE NORMAS DEL PLAN OBLIGATORIO DE SALUD-Casos en que procede\/INAPLICACION DE NORMAS DEL PLAN OBLIGATORIO DE SALUD-Casos en que procede por cuanto el medicamento o tratamiento no fue ordenado por m\u00e9dico adscrito a la EPS \u00a0 Esta Corporaci\u00f3n ha precisado con respecto a la responsabilidad de las E.P.S,, que para la inaplicaci\u00f3n del precepto legal o reglamentario deben estar demostrados algunos requisitos. Esos requisitos son los siguientes: a) que la falta del medicamento o tratamiento excluido, vulnere o amenace los derechos constitucionales fundamentales a la vida o a la integridad personal; b) que el ...<br \/><div class=\"pt-cv-rmwrap\"><a href=\"https:\/\/www.dmsjuridica.com\/buscador_20179478954\/corteconstitucionalcronologico202454587\/t-002-05\/\" class=\"_self pt-cv-readmore btn btn-success\" target=\"_self\">Ver Sentencia Completa...<\/a><\/div><\/div><\/div><\/div>\n<div class=\"col-md-12 col-sm-12 col-xs-12 pt-cv-content-item pt-cv-1-col\" ><div class='pt-cv-ifield'><a href=\"https:\/\/www.dmsjuridica.com\/buscador_20179478954\/corteconstitucionalcronologico202454587\/t-001-05\/\" class=\"_self pt-cv-href-thumbnail pt-cv-thumb-default\" target=\"_self\" ><\/a>\n<div class=\"pt-cv-taxoterm above_title\"><a href='https:\/\/www.dmsjuridica.com\/buscador_20179478954\/corteconstitucionalcronologico202454587\/category\/buscar-en-toda-la-corte\/2005\/tutelas-2005\/' title='Tutelas 2005' class='pt-cv-tax-tutelas-2005'>Tutelas 2005<\/a><\/div>\n<h4 class=\"pt-cv-title\"><a href=\"https:\/\/www.dmsjuridica.com\/buscador_20179478954\/corteconstitucionalcronologico202454587\/t-001-05\/\" class=\"_self\" target=\"_self\" >T-001-05<\/a><\/h4>\n<div class=\"pt-cv-content\">\u00a0 \u00a0 Sentencia T-001\/05 \u00a0 INAPLICACION DE NORMAS DEL PLAN OBLIGATORIO DE SALUD-Casos en que procede\/INAPLICACION DE NORMAS DEL PLAN OBLIGATORIO DE SALUD-Casos en que procede por cuanto el medicamento o tratamiento no fue ordenado por m\u00e9dico adscrito a la EPS \u00a0 MEDICO TRATANTE-Concepto\/DERECHO A LA SALUD-Examen debe ser determinado por m\u00e9dico tratante \u00a0 El m\u00e9dico tratante, ha entendido esta Corporaci\u00f3n, es el profesional vinculado laboralmente a la respectiva EPS que examine como m\u00e9dico general o como m\u00e9dico especialista al respectivo paciente. De no provenir la prescripci\u00f3n del m\u00e9dico que ostente tal calidad, el juez de tutela no puede dar ...<br \/><div class=\"pt-cv-rmwrap\"><a href=\"https:\/\/www.dmsjuridica.com\/buscador_20179478954\/corteconstitucionalcronologico202454587\/t-001-05\/\" class=\"_self pt-cv-readmore btn btn-success\" target=\"_self\">Ver Sentencia Completa...<\/a><\/div><\/div><\/div><\/div><\/div><\/div><\/div>\n","protected":false},"excerpt":{"rendered":"","protected":false},"author":1,"featured_media":0,"parent":0,"menu_order":0,"comment_status":"closed","ping_status":"closed","template":"","meta":{"footnotes":""},"class_list":["post-29592","page","type-page","status-publish","hentry"],"_links":{"self":[{"href":"https:\/\/www.dmsjuridica.com\/buscador_20179478954\/corteconstitucionalcronologico202454587\/wp-json\/wp\/v2\/pages\/29592","targetHints":{"allow":["GET"]}}],"collection":[{"href":"https:\/\/www.dmsjuridica.com\/buscador_20179478954\/corteconstitucionalcronologico202454587\/wp-json\/wp\/v2\/pages"}],"about":[{"href":"https:\/\/www.dmsjuridica.com\/buscador_20179478954\/corteconstitucionalcronologico202454587\/wp-json\/wp\/v2\/types\/page"}],"author":[{"embeddable":true,"href":"https:\/\/www.dmsjuridica.com\/buscador_20179478954\/corteconstitucionalcronologico202454587\/wp-json\/wp\/v2\/users\/1"}],"replies":[{"embeddable":true,"href":"https:\/\/www.dmsjuridica.com\/buscador_20179478954\/corteconstitucionalcronologico202454587\/wp-json\/wp\/v2\/comments?post=29592"}],"version-history":[{"count":2,"href":"https:\/\/www.dmsjuridica.com\/buscador_20179478954\/corteconstitucionalcronologico202454587\/wp-json\/wp\/v2\/pages\/29592\/revisions"}],"predecessor-version":[{"id":31406,"href":"https:\/\/www.dmsjuridica.com\/buscador_20179478954\/corteconstitucionalcronologico202454587\/wp-json\/wp\/v2\/pages\/29592\/revisions\/31406"}],"wp:attachment":[{"href":"https:\/\/www.dmsjuridica.com\/buscador_20179478954\/corteconstitucionalcronologico202454587\/wp-json\/wp\/v2\/media?parent=29592"}],"curies":[{"name":"wp","href":"https:\/\/api.w.org\/{rel}","templated":true}]}}