{"id":29598,"date":"2024-07-12T11:39:52","date_gmt":"2024-07-12T16:39:52","guid":{"rendered":"https:\/\/www.dmsjuridica.com\/buscador_20179478954\/corteconstitucionalcronologico202454587\/?page_id=29598"},"modified":"2025-11-27T11:42:11","modified_gmt":"2025-11-27T16:42:11","slug":"tutelas-2008","status":"publish","type":"page","link":"https:\/\/www.dmsjuridica.com\/buscador_20179478954\/corteconstitucionalcronologico202454587\/tutelas-2008\/","title":{"rendered":"Tutelas 2008"},"content":{"rendered":"<div class=\"pt-cv-wrapper\"><div class=\"pt-cv-view pt-cv-grid pt-cv-colsys\" id=\"pt-cv-view-ebc1afbaso\"><div data-id=\"pt-cv-page-1\" class=\"pt-cv-page\" data-cvc=\"1\"><div class=\"col-md-12 col-sm-12 col-xs-12 pt-cv-content-item pt-cv-1-col\" ><div class='pt-cv-ifield'><a href=\"https:\/\/www.dmsjuridica.com\/buscador_20179478954\/corteconstitucionalcronologico202454587\/t-999-08\/\" class=\"_self pt-cv-href-thumbnail pt-cv-thumb-default\" target=\"_self\" ><\/a>\n<div class=\"pt-cv-taxoterm above_title\"><a href='https:\/\/www.dmsjuridica.com\/buscador_20179478954\/corteconstitucionalcronologico202454587\/category\/buscar-en-toda-la-corte\/2008\/tutelas-2008\/' title='Tutelas 2008' class='pt-cv-tax-tutelas-2008'>Tutelas 2008<\/a><\/div>\n<h4 class=\"pt-cv-title\"><a href=\"https:\/\/www.dmsjuridica.com\/buscador_20179478954\/corteconstitucionalcronologico202454587\/t-999-08\/\" class=\"_self\" target=\"_self\" >T-999-08<\/a><\/h4>\n<div class=\"pt-cv-content\">\u00a0 \u00a0 Sentencia T-999\/08 \u00a0 DERECHO A LA SALUD COMO GARANTIA IUS FUNDAMENTAL\u00a0 \u00a0 DERECHO A LA SALUD-Doble connotaci\u00f3n \u00a0 DERECHO A LA SALUD-Evoluci\u00f3n de la jurisprudencia constitucional\u00a0 \u00a0 DERECHO A LA SALUD-Instrumentos internacionales que lo reconocen \u00a0 DERECHO A LA SALUD COMO DERECHO CONSTITUCIONAL FUNDAMENTAL \u00a0 La Corte Constitucional ha acentuado en jurisprudencia reciente que la salud es un derecho constitucional fundamental y le corresponde al Estado, tanto como a los particulares comprometidos con la prestaci\u00f3n del servicio p\u00fablico de salud, desplegar un conjunto de tareas, actividades o actuaciones encaminadas a garantizar el debido amparo de este derecho cuyo ...<br \/><div class=\"pt-cv-rmwrap\"><a href=\"https:\/\/www.dmsjuridica.com\/buscador_20179478954\/corteconstitucionalcronologico202454587\/t-999-08\/\" class=\"_self pt-cv-readmore btn btn-success\" target=\"_self\">Ver Sentencia Completa...<\/a><\/div><\/div><\/div><\/div>\n<div class=\"col-md-12 col-sm-12 col-xs-12 pt-cv-content-item pt-cv-1-col\" ><div class='pt-cv-ifield'><a href=\"https:\/\/www.dmsjuridica.com\/buscador_20179478954\/corteconstitucionalcronologico202454587\/t-998-08\/\" class=\"_self pt-cv-href-thumbnail pt-cv-thumb-default\" target=\"_self\" ><\/a>\n<div class=\"pt-cv-taxoterm above_title\"><a href='https:\/\/www.dmsjuridica.com\/buscador_20179478954\/corteconstitucionalcronologico202454587\/category\/buscar-en-toda-la-corte\/2008\/tutelas-2008\/' title='Tutelas 2008' class='pt-cv-tax-tutelas-2008'>Tutelas 2008<\/a><\/div>\n<h4 class=\"pt-cv-title\"><a href=\"https:\/\/www.dmsjuridica.com\/buscador_20179478954\/corteconstitucionalcronologico202454587\/t-998-08\/\" class=\"_self\" target=\"_self\" >T-998-08<\/a><\/h4>\n<div class=\"pt-cv-content\">Sentencia T-998\/08 LICENCIA DE MATERNIDAD-Subsidiariedad e inmediatez en el reconocimiento a trav\u00e9s de tutela LICENCIA DE MATERNIDAD-Elementos que debe considerar el Juez Constitucional en el momento de realizar una interpretaci\u00f3n de los requisitos legales Son tres los elementos que debe considerar el juez constitucional en el momento de realizar una interpretaci\u00f3n de los requisitos legales a que se sujeta el pago de la licencia de maternidad, a saber: (i) Las condiciones particulares de la madre y de su menor hijo, en relaci\u00f3n con sus derechos fundamentales al m\u00ednimo vital y a la vida digna; (ii) la preexistencia de una actividad ...<br \/><div class=\"pt-cv-rmwrap\"><a href=\"https:\/\/www.dmsjuridica.com\/buscador_20179478954\/corteconstitucionalcronologico202454587\/t-998-08\/\" class=\"_self pt-cv-readmore btn btn-success\" target=\"_self\">Ver Sentencia Completa...<\/a><\/div><\/div><\/div><\/div>\n<div class=\"col-md-12 col-sm-12 col-xs-12 pt-cv-content-item pt-cv-1-col\" ><div class='pt-cv-ifield'><a href=\"https:\/\/www.dmsjuridica.com\/buscador_20179478954\/corteconstitucionalcronologico202454587\/t-997-08\/\" class=\"_self pt-cv-href-thumbnail pt-cv-thumb-default\" target=\"_self\" ><\/a>\n<div class=\"pt-cv-taxoterm above_title\"><a href='https:\/\/www.dmsjuridica.com\/buscador_20179478954\/corteconstitucionalcronologico202454587\/category\/buscar-en-toda-la-corte\/2008\/tutelas-2008\/' title='Tutelas 2008' class='pt-cv-tax-tutelas-2008'>Tutelas 2008<\/a><\/div>\n<h4 class=\"pt-cv-title\"><a href=\"https:\/\/www.dmsjuridica.com\/buscador_20179478954\/corteconstitucionalcronologico202454587\/t-997-08\/\" class=\"_self\" target=\"_self\" >T-997-08<\/a><\/h4>\n<div class=\"pt-cv-content\">\u00a0 \u00a0 Sentencia T-997\/08 \u00a0 DERECHO A LA SALUD-Protecci\u00f3n por tutela \u00a0 EVOLUCION JURISPRUDENCIAL EN DERECHO A LA SALUD COMO FUNDAMENTAL DE MANERA AUTONOMA-Sentencia T-760\/08 \u00a0 BENEFICIARIO DEL REGIMEN SUBSIDIADO EN SALUD-Caso en que el demandante necesita pr\u00f3tesis y traslado a Bogot\u00e1 por accidente de tr\u00e1nsito que sufri\u00f3 \u00a0 Verificado que la pr\u00f3tesis que requiere el accionante est\u00e1 incluida en el Plan Obligatorio de Salud del R\u00e9gimen Subsidiado, \u00e9ste Tribunal proteger\u00e1 el derecho fundamental del actor a la salud, y ordenar\u00e1 a la EPS-S Humana Vivir, que eval\u00fae al accionante a trav\u00e9s de un m\u00e9dico adscrito a su instituci\u00f3n, y ...<br \/><div class=\"pt-cv-rmwrap\"><a href=\"https:\/\/www.dmsjuridica.com\/buscador_20179478954\/corteconstitucionalcronologico202454587\/t-997-08\/\" class=\"_self pt-cv-readmore btn btn-success\" target=\"_self\">Ver Sentencia Completa...<\/a><\/div><\/div><\/div><\/div>\n<div class=\"col-md-12 col-sm-12 col-xs-12 pt-cv-content-item pt-cv-1-col\" ><div class='pt-cv-ifield'><a href=\"https:\/\/www.dmsjuridica.com\/buscador_20179478954\/corteconstitucionalcronologico202454587\/t-996-08\/\" class=\"_self pt-cv-href-thumbnail pt-cv-thumb-default\" target=\"_self\" ><\/a>\n<div class=\"pt-cv-taxoterm above_title\"><a href='https:\/\/www.dmsjuridica.com\/buscador_20179478954\/corteconstitucionalcronologico202454587\/category\/buscar-en-toda-la-corte\/2008\/tutelas-2008\/' title='Tutelas 2008' class='pt-cv-tax-tutelas-2008'>Tutelas 2008<\/a><\/div>\n<h4 class=\"pt-cv-title\"><a href=\"https:\/\/www.dmsjuridica.com\/buscador_20179478954\/corteconstitucionalcronologico202454587\/t-996-08\/\" class=\"_self\" target=\"_self\" >T-996-08<\/a><\/h4>\n<div class=\"pt-cv-content\">\u00a0 \u00a0 SENTENCIA T-996\/08 \u00a0 (Bogot\u00e1 DC, octubre 10) \u00a0 DERECHO A LA SALUD DE MUJER EMBARAZADA Y GARANTIA DE CONTINUIDAD-Caso en que era beneficiaria de su esposo como trabajador de ECOPETROL \u00a0 \u00a0Los servicios m\u00e9dicos prestados por ECOPETROL S.A. hasta el momento de su interrupci\u00f3n ya hab\u00edan programado tratamientos y controles, en raz\u00f3n a las complicaciones que presentaba su embarazo. Bajo estas circunstancias, suspender la atenci\u00f3n de la accionante y desatender el seguimiento de su embarazo, supone el claro desconocimiento de la garant\u00eda de continuidad en la atenci\u00f3n en salud por parte de la empresa accionada. Y si bien ...<br \/><div class=\"pt-cv-rmwrap\"><a href=\"https:\/\/www.dmsjuridica.com\/buscador_20179478954\/corteconstitucionalcronologico202454587\/t-996-08\/\" class=\"_self pt-cv-readmore btn btn-success\" target=\"_self\">Ver Sentencia Completa...<\/a><\/div><\/div><\/div><\/div>\n<div class=\"col-md-12 col-sm-12 col-xs-12 pt-cv-content-item pt-cv-1-col\" ><div class='pt-cv-ifield'><a href=\"https:\/\/www.dmsjuridica.com\/buscador_20179478954\/corteconstitucionalcronologico202454587\/t-995-08\/\" class=\"_self pt-cv-href-thumbnail pt-cv-thumb-default\" target=\"_self\" ><\/a>\n<div class=\"pt-cv-taxoterm above_title\"><a href='https:\/\/www.dmsjuridica.com\/buscador_20179478954\/corteconstitucionalcronologico202454587\/category\/buscar-en-toda-la-corte\/2008\/tutelas-2008\/' title='Tutelas 2008' class='pt-cv-tax-tutelas-2008'>Tutelas 2008<\/a><\/div>\n<h4 class=\"pt-cv-title\"><a href=\"https:\/\/www.dmsjuridica.com\/buscador_20179478954\/corteconstitucionalcronologico202454587\/t-995-08\/\" class=\"_self\" target=\"_self\" >T-995-08<\/a><\/h4>\n<div class=\"pt-cv-content\">\u00a0 \u00a0 SENTENCIA T-995\/08 \u00a0 (Bogot\u00e1 D.C., Octubre 10 de 2008) \u00a0 LEGITIMACION EN LA CAUSA POR ACTIVA EN PROCESOS DE TUTELA \u00a0 En este orden de ideas la legitimaci\u00f3n en la causa por activa en los procesos de acci\u00f3n de tutela se configura (i) del ejercicio directo, es decir quien interpone la acci\u00f3n de tutela es a quien se le est\u00e1 vulnerando el derecho fundamental; (ii) por medio de representantes legales, como en el caso de los menores de edad, los incapaces absolutos, los interdictos y las personas jur\u00eddicas; (iii) por medio de apoderado judicial, caso en el cual ...<br \/><div class=\"pt-cv-rmwrap\"><a href=\"https:\/\/www.dmsjuridica.com\/buscador_20179478954\/corteconstitucionalcronologico202454587\/t-995-08\/\" class=\"_self pt-cv-readmore btn btn-success\" target=\"_self\">Ver Sentencia Completa...<\/a><\/div><\/div><\/div><\/div>\n<div class=\"col-md-12 col-sm-12 col-xs-12 pt-cv-content-item pt-cv-1-col\" ><div class='pt-cv-ifield'><a href=\"https:\/\/www.dmsjuridica.com\/buscador_20179478954\/corteconstitucionalcronologico202454587\/t-994-08\/\" class=\"_self pt-cv-href-thumbnail pt-cv-thumb-default\" target=\"_self\" ><\/a>\n<div class=\"pt-cv-taxoterm above_title\"><a href='https:\/\/www.dmsjuridica.com\/buscador_20179478954\/corteconstitucionalcronologico202454587\/category\/buscar-en-toda-la-corte\/2008\/tutelas-2008\/' title='Tutelas 2008' class='pt-cv-tax-tutelas-2008'>Tutelas 2008<\/a><\/div>\n<h4 class=\"pt-cv-title\"><a href=\"https:\/\/www.dmsjuridica.com\/buscador_20179478954\/corteconstitucionalcronologico202454587\/t-994-08\/\" class=\"_self\" target=\"_self\" >T-994-08<\/a><\/h4>\n<div class=\"pt-cv-content\">SENTENCIA T-994\/08 (Bogot\u00e1 D.C., octubre 10 de 2008) ACCION DE TUTELA PARA ORDENAR REINTEGRO DE TRABAJADOR\/ DERECHO A LA ESTABILIDAD LABORAL DE EMPLEADOS DISCAPACITADOS O PUESTOS EN CONDICIONES DE DEBILIDAD MANIFIESTA-Caso en que no se acredit\u00f3 vulneraci\u00f3n de derechos por parte de la demandada Despedir de manera unilateral a una persona debido a su condici\u00f3n f\u00edsica limitada, constituye una discriminaci\u00f3n, pues a las personas en estado de debilidad f\u00edsica manifiesta no se les puede tratar de igual manera que aquellas perfectamente sanas. Aparte de lo anterior, ha indicado que para que proceda la acci\u00f3n de tutela no es suficiente tener ...<br \/><div class=\"pt-cv-rmwrap\"><a href=\"https:\/\/www.dmsjuridica.com\/buscador_20179478954\/corteconstitucionalcronologico202454587\/t-994-08\/\" class=\"_self pt-cv-readmore btn btn-success\" target=\"_self\">Ver Sentencia Completa...<\/a><\/div><\/div><\/div><\/div>\n<div class=\"col-md-12 col-sm-12 col-xs-12 pt-cv-content-item pt-cv-1-col\" ><div class='pt-cv-ifield'><a href=\"https:\/\/www.dmsjuridica.com\/buscador_20179478954\/corteconstitucionalcronologico202454587\/t-993-08\/\" class=\"_self pt-cv-href-thumbnail pt-cv-thumb-default\" target=\"_self\" ><\/a>\n<div class=\"pt-cv-taxoterm above_title\"><a href='https:\/\/www.dmsjuridica.com\/buscador_20179478954\/corteconstitucionalcronologico202454587\/category\/buscar-en-toda-la-corte\/2008\/tutelas-2008\/' title='Tutelas 2008' class='pt-cv-tax-tutelas-2008'>Tutelas 2008<\/a><\/div>\n<h4 class=\"pt-cv-title\"><a href=\"https:\/\/www.dmsjuridica.com\/buscador_20179478954\/corteconstitucionalcronologico202454587\/t-993-08\/\" class=\"_self\" target=\"_self\" >T-993-08<\/a><\/h4>\n<div class=\"pt-cv-content\">SENTENCIA T-993\/08 (Bogot\u00e1 D.C., octubre 10) MEDICINA ALTERNATIVA-Desarrollo jurisprudencial El tema de la medicina alternativa, si bien no se ha tratado en tantos casos como otras cuestiones relacionadas con el derecho a la salud, ha tenido un desarrollo jurisprudencial en el que se distinguen dos reglas claras y diferenciadas, expuestas en las sentencias T-214 de 1997 y T-076 de 1999, y que muestran la tensi\u00f3n entre la prestaci\u00f3n del servicio de salud, la exigencia por parte de los particulares de ciertos tratamientos que en muchas ocasiones no son tenidos en cuenta al favorecer las t\u00e9cnicas de medicina occidental, la diversidad ...<br \/><div class=\"pt-cv-rmwrap\"><a href=\"https:\/\/www.dmsjuridica.com\/buscador_20179478954\/corteconstitucionalcronologico202454587\/t-993-08\/\" class=\"_self pt-cv-readmore btn btn-success\" target=\"_self\">Ver Sentencia Completa...<\/a><\/div><\/div><\/div><\/div>\n<div class=\"col-md-12 col-sm-12 col-xs-12 pt-cv-content-item pt-cv-1-col\" ><div class='pt-cv-ifield'><a href=\"https:\/\/www.dmsjuridica.com\/buscador_20179478954\/corteconstitucionalcronologico202454587\/t-992-08\/\" class=\"_self pt-cv-href-thumbnail pt-cv-thumb-default\" target=\"_self\" ><\/a>\n<div class=\"pt-cv-taxoterm above_title\"><a href='https:\/\/www.dmsjuridica.com\/buscador_20179478954\/corteconstitucionalcronologico202454587\/category\/buscar-en-toda-la-corte\/2008\/tutelas-2008\/' title='Tutelas 2008' class='pt-cv-tax-tutelas-2008'>Tutelas 2008<\/a><\/div>\n<h4 class=\"pt-cv-title\"><a href=\"https:\/\/www.dmsjuridica.com\/buscador_20179478954\/corteconstitucionalcronologico202454587\/t-992-08\/\" class=\"_self\" target=\"_self\" >T-992-08<\/a><\/h4>\n<div class=\"pt-cv-content\">\u00a0 \u00a0 SENTENCIA T-992\/08 \u00a0 (Bogot\u00e1 DC., octubre 10) \u00a0 ESTABILIDAD LABORAL REFORZADA-Trabajador que estaba incapacitado y fue despedido por haber superado los 180 d\u00edas\/LEY 362\/97-Par\u00e1metros se\u00f1alados en el art\u00edculo 26 para que proceda el despido de empleado \u00a0 La violaci\u00f3n de los derechos fundamentales invocados por el accionante se genera porque: (i) lo desvincularon de su trabajo encontr\u00e1ndose incapacitado laboralmente, desconociendo el derecho a la estabilidad laboral reforzada; (ii) superado el t\u00e9rmino de 180 d\u00edas de incapacidad el empleador no gestion\u00f3 lo pertinente para definir el estado de invalidez del actor, violando el principio de solidaridad mencionado; y (iii) ...<br \/><div class=\"pt-cv-rmwrap\"><a href=\"https:\/\/www.dmsjuridica.com\/buscador_20179478954\/corteconstitucionalcronologico202454587\/t-992-08\/\" class=\"_self pt-cv-readmore btn btn-success\" target=\"_self\">Ver Sentencia Completa...<\/a><\/div><\/div><\/div><\/div>\n<div class=\"col-md-12 col-sm-12 col-xs-12 pt-cv-content-item pt-cv-1-col\" ><div class='pt-cv-ifield'><a href=\"https:\/\/www.dmsjuridica.com\/buscador_20179478954\/corteconstitucionalcronologico202454587\/t-991-08\/\" class=\"_self pt-cv-href-thumbnail pt-cv-thumb-default\" target=\"_self\" ><\/a>\n<div class=\"pt-cv-taxoterm above_title\"><a href='https:\/\/www.dmsjuridica.com\/buscador_20179478954\/corteconstitucionalcronologico202454587\/category\/buscar-en-toda-la-corte\/2008\/tutelas-2008\/' title='Tutelas 2008' class='pt-cv-tax-tutelas-2008'>Tutelas 2008<\/a><\/div>\n<h4 class=\"pt-cv-title\"><a href=\"https:\/\/www.dmsjuridica.com\/buscador_20179478954\/corteconstitucionalcronologico202454587\/t-991-08\/\" class=\"_self\" target=\"_self\" >T-991-08<\/a><\/h4>\n<div class=\"pt-cv-content\">\u00a0 \u00a0 Sentencia T-991\/08 \u00a0 ACCION DE TUTELA CONTRA PROVIDENCIAS JUDICIALES-Caso en que la Corte Suprema de Justicia no admiti\u00f3 la acci\u00f3n de tutela\u00a0 \u00a0 INDEXACION DE LA PRIMERA MESADA PENSIONAL-Constitucionalidad del art\u00edculo 8 de la Ley 171 de 1961\/INDEXACION DE LA PRIMERA MESADA PENSIONAL-Reiteraci\u00f3n de jurisprudencia\/INDEXACION DE LA PRIMERA MESADA PENSIONAL-Lineamientos expuestos en la sentencia C-891A de 2006 \u00a0 La raz\u00f3n por la cual la Sala de Casaci\u00f3n Laboral cas\u00f3 las sentencias en donde se hab\u00eda reconocido la actualizaci\u00f3n de la pensi\u00f3n es que la fecha en la que se caus\u00f3 el derecho es anterior a la Constituci\u00f3n de ...<br \/><div class=\"pt-cv-rmwrap\"><a href=\"https:\/\/www.dmsjuridica.com\/buscador_20179478954\/corteconstitucionalcronologico202454587\/t-991-08\/\" class=\"_self pt-cv-readmore btn btn-success\" target=\"_self\">Ver Sentencia Completa...<\/a><\/div><\/div><\/div><\/div>\n<div class=\"col-md-12 col-sm-12 col-xs-12 pt-cv-content-item pt-cv-1-col\" ><div class='pt-cv-ifield'><a href=\"https:\/\/www.dmsjuridica.com\/buscador_20179478954\/corteconstitucionalcronologico202454587\/t-990-08\/\" class=\"_self pt-cv-href-thumbnail pt-cv-thumb-default\" target=\"_self\" ><\/a>\n<div class=\"pt-cv-taxoterm above_title\"><a href='https:\/\/www.dmsjuridica.com\/buscador_20179478954\/corteconstitucionalcronologico202454587\/category\/buscar-en-toda-la-corte\/2008\/tutelas-2008\/' title='Tutelas 2008' class='pt-cv-tax-tutelas-2008'>Tutelas 2008<\/a><\/div>\n<h4 class=\"pt-cv-title\"><a href=\"https:\/\/www.dmsjuridica.com\/buscador_20179478954\/corteconstitucionalcronologico202454587\/t-990-08\/\" class=\"_self\" target=\"_self\" >T-990-08<\/a><\/h4>\n<div class=\"pt-cv-content\">Sentencia T-990\/08 MEDICINA ALTERNATIVA-Caso en que la demandante solicita la atenci\u00f3n m\u00e9dica para su hija con tratamientos alternativos En el caso sub judice, la orden m\u00e9dica que sirve de sustento para la solicitud de amparo no proviene de un m\u00e9dico vinculado a la EPS de la peticionaria, sino de un m\u00e9dico particular que la atendi\u00f3 en consulta privada, costeada por sus propios medios. Lo anterior permite a esta Sala concluir que por no cumplirse el presupuesto de la orden m\u00e9dica expedida por un m\u00e9dico adscrito a la instituci\u00f3n demandada, requisito decantado en la parte considerativa de esta sentencia, no puede ...<br \/><div class=\"pt-cv-rmwrap\"><a href=\"https:\/\/www.dmsjuridica.com\/buscador_20179478954\/corteconstitucionalcronologico202454587\/t-990-08\/\" class=\"_self pt-cv-readmore btn btn-success\" target=\"_self\">Ver Sentencia Completa...<\/a><\/div><\/div><\/div><\/div>\n<div class=\"col-md-12 col-sm-12 col-xs-12 pt-cv-content-item pt-cv-1-col\" ><div class='pt-cv-ifield'><a href=\"https:\/\/www.dmsjuridica.com\/buscador_20179478954\/corteconstitucionalcronologico202454587\/t-989-08\/\" class=\"_self pt-cv-href-thumbnail pt-cv-thumb-default\" target=\"_self\" ><\/a>\n<div class=\"pt-cv-taxoterm above_title\"><a href='https:\/\/www.dmsjuridica.com\/buscador_20179478954\/corteconstitucionalcronologico202454587\/category\/buscar-en-toda-la-corte\/2008\/tutelas-2008\/' title='Tutelas 2008' class='pt-cv-tax-tutelas-2008'>Tutelas 2008<\/a><\/div>\n<h4 class=\"pt-cv-title\"><a href=\"https:\/\/www.dmsjuridica.com\/buscador_20179478954\/corteconstitucionalcronologico202454587\/t-989-08\/\" class=\"_self\" target=\"_self\" >T-989-08<\/a><\/h4>\n<div class=\"pt-cv-content\">Sentencia T-989\/08 ACCION DE TUTELA PARA EXIGIR EL REINTEGRO LABORAL EN PROCESOS DE LIQUIDACION ACCION DE TUTELA PARA GARANTIZAR EL CUMPLIMIENTO DE LAS MEDIDAS DE ESTABILIDAD LABORAL REFORZADA EN PROCESOS DE REESTRUCTURACION ADMINISTRATIVA Al tratarse aqu\u00ed de un proceso de liquidaci\u00f3n que culminar\u00e1 en una fecha pr\u00f3xima, se tiene que la jurisdicci\u00f3n ordinaria y\/o constenciosa administrativa no es el mecanismo id\u00f3neo ni eficaz para proteger los derechos invocados por las accionantes, toda vez que es predecible que para cuando se produzca el fallo laboral y\/o contencioso administrativo la E.S.E. Luis Carlos Gal\u00e1n Sarmiento ya se encuentre liquidada y las accionantes ...<br \/><div class=\"pt-cv-rmwrap\"><a href=\"https:\/\/www.dmsjuridica.com\/buscador_20179478954\/corteconstitucionalcronologico202454587\/t-989-08\/\" class=\"_self pt-cv-readmore btn btn-success\" target=\"_self\">Ver Sentencia Completa...<\/a><\/div><\/div><\/div><\/div>\n<div class=\"col-md-12 col-sm-12 col-xs-12 pt-cv-content-item pt-cv-1-col\" ><div class='pt-cv-ifield'><a href=\"https:\/\/www.dmsjuridica.com\/buscador_20179478954\/corteconstitucionalcronologico202454587\/t-988-08\/\" class=\"_self pt-cv-href-thumbnail pt-cv-thumb-default\" target=\"_self\" ><\/a>\n<div class=\"pt-cv-taxoterm above_title\"><a href='https:\/\/www.dmsjuridica.com\/buscador_20179478954\/corteconstitucionalcronologico202454587\/category\/buscar-en-toda-la-corte\/2008\/tutelas-2008\/' title='Tutelas 2008' class='pt-cv-tax-tutelas-2008'>Tutelas 2008<\/a><\/div>\n<h4 class=\"pt-cv-title\"><a href=\"https:\/\/www.dmsjuridica.com\/buscador_20179478954\/corteconstitucionalcronologico202454587\/t-988-08\/\" class=\"_self\" target=\"_self\" >T-988-08<\/a><\/h4>\n<div class=\"pt-cv-content\">Sentencia T-988\/08 LEGITIMACION EN LA CAUSA DEL PERSONERO PARA PROMOVER ACCION DE TUTELA-Caso en que act\u00faa en representaci\u00f3n de menor de 6 a\u00f1os cuyos abuelos no tienen recursos econ\u00f3micos para asumir gastos de matr\u00edcula en escuela rural DERECHO A LA EDUCACION DEL NI\u00d1O-No puede ser limitado para los que se encuentran en el ciclo b\u00e1sico Entiende esta Corporaci\u00f3n que el derecho a la educaci\u00f3n, respecto de los menores que se encuentran en el ciclo b\u00e1sico, no puede ser limitado por requisitos adicionales al de la aspiraci\u00f3n del menor por vincularse al sistema de educaci\u00f3n b\u00e1sica. En este sentido, se entiende ...<br \/><div class=\"pt-cv-rmwrap\"><a href=\"https:\/\/www.dmsjuridica.com\/buscador_20179478954\/corteconstitucionalcronologico202454587\/t-988-08\/\" class=\"_self pt-cv-readmore btn btn-success\" target=\"_self\">Ver Sentencia Completa...<\/a><\/div><\/div><\/div><\/div>\n<div class=\"col-md-12 col-sm-12 col-xs-12 pt-cv-content-item pt-cv-1-col\" ><div class='pt-cv-ifield'><a href=\"https:\/\/www.dmsjuridica.com\/buscador_20179478954\/corteconstitucionalcronologico202454587\/t-987-08\/\" class=\"_self pt-cv-href-thumbnail pt-cv-thumb-default\" target=\"_self\" ><\/a>\n<div class=\"pt-cv-taxoterm above_title\"><a href='https:\/\/www.dmsjuridica.com\/buscador_20179478954\/corteconstitucionalcronologico202454587\/category\/buscar-en-toda-la-corte\/2008\/tutelas-2008\/' title='Tutelas 2008' class='pt-cv-tax-tutelas-2008'>Tutelas 2008<\/a><\/div>\n<h4 class=\"pt-cv-title\"><a href=\"https:\/\/www.dmsjuridica.com\/buscador_20179478954\/corteconstitucionalcronologico202454587\/t-987-08\/\" class=\"_self\" target=\"_self\" >T-987-08<\/a><\/h4>\n<div class=\"pt-cv-content\">Sentencia T-987\/08 ESTABILIDAD LABORAL REFORZADA DE MUJER EMBARAZADA-Reiteraci\u00f3n de jurisprudencia ESTABILIDAD LABORAL REFORZADA DE TRABAJADORAS EMBARAZADAS VINCULADAS POR CONTRATO DE PRESTACION DE SERVICIOS-Reiteraci\u00f3n de jurisprudencia La mujer embarazada o en periodo de lactancia cuenta con una protecci\u00f3n reforzada, independientemente del tipo de contrato de trabajo que haya suscrito con su empleador, por tales razones, para que se pueda terminar el v\u00ednculo laboral con una mujer en tal condici\u00f3n, deber\u00e1n cumplirse los presupuestos establecidos por la jurisprudencia de esta Corporaci\u00f3n. ESTABILIDAD LABORAL REFORZADA DE TRABAJADORAS EN ESTADO DE EMBARAZO VINCULADAS POR CONTRATO DE PRESTACION DE SERVICIOS-Caso en que se encuentran demostrados ...<br \/><div class=\"pt-cv-rmwrap\"><a href=\"https:\/\/www.dmsjuridica.com\/buscador_20179478954\/corteconstitucionalcronologico202454587\/t-987-08\/\" class=\"_self pt-cv-readmore btn btn-success\" target=\"_self\">Ver Sentencia Completa...<\/a><\/div><\/div><\/div><\/div>\n<div class=\"col-md-12 col-sm-12 col-xs-12 pt-cv-content-item pt-cv-1-col\" ><div class='pt-cv-ifield'><a href=\"https:\/\/www.dmsjuridica.com\/buscador_20179478954\/corteconstitucionalcronologico202454587\/t-986-08\/\" class=\"_self pt-cv-href-thumbnail pt-cv-thumb-default\" target=\"_self\" ><\/a>\n<div class=\"pt-cv-taxoterm above_title\"><a href='https:\/\/www.dmsjuridica.com\/buscador_20179478954\/corteconstitucionalcronologico202454587\/category\/buscar-en-toda-la-corte\/2008\/tutelas-2008\/' title='Tutelas 2008' class='pt-cv-tax-tutelas-2008'>Tutelas 2008<\/a><\/div>\n<h4 class=\"pt-cv-title\"><a href=\"https:\/\/www.dmsjuridica.com\/buscador_20179478954\/corteconstitucionalcronologico202454587\/t-986-08\/\" class=\"_self\" target=\"_self\" >T-986-08<\/a><\/h4>\n<div class=\"pt-cv-content\">\u00a0 \u00a0 Sentencia T-986\/08 \u00a0 DERECHO A LA SALUD DEL MENOR AUTISTA-Necesidad de tratamiento integral \u00a0 La actuaci\u00f3n de la EPS ha vulnerado los derechos al desatender los componentes de rehabilitaci\u00f3n del tratamiento que requiere el menor. Teniendo en cuenta que el m\u00e9dico tratante de la EPS, si bien ha indicado el beneficio que representar\u00eda someter al menor a un tratamiento integral, no ha especificado qu\u00e9 terapias o qu\u00e9 tratamientos ser\u00edan adecuados en el caso concreto, en la parte resolutiva de esta providencia se ordenar\u00e1 a la EPS que en el t\u00e9rmino de cuarenta y ocho (48) horas realice todas ...<br \/><div class=\"pt-cv-rmwrap\"><a href=\"https:\/\/www.dmsjuridica.com\/buscador_20179478954\/corteconstitucionalcronologico202454587\/t-986-08\/\" class=\"_self pt-cv-readmore btn btn-success\" target=\"_self\">Ver Sentencia Completa...<\/a><\/div><\/div><\/div><\/div>\n<div class=\"col-md-12 col-sm-12 col-xs-12 pt-cv-content-item pt-cv-1-col\" ><div class='pt-cv-ifield'><a href=\"https:\/\/www.dmsjuridica.com\/buscador_20179478954\/corteconstitucionalcronologico202454587\/t-985-08\/\" class=\"_self pt-cv-href-thumbnail pt-cv-thumb-default\" target=\"_self\" ><\/a>\n<div class=\"pt-cv-taxoterm above_title\"><a href='https:\/\/www.dmsjuridica.com\/buscador_20179478954\/corteconstitucionalcronologico202454587\/category\/buscar-en-toda-la-corte\/2008\/tutelas-2008\/' title='Tutelas 2008' class='pt-cv-tax-tutelas-2008'>Tutelas 2008<\/a><\/div>\n<h4 class=\"pt-cv-title\"><a href=\"https:\/\/www.dmsjuridica.com\/buscador_20179478954\/corteconstitucionalcronologico202454587\/t-985-08\/\" class=\"_self\" target=\"_self\" >T-985-08<\/a><\/h4>\n<div class=\"pt-cv-content\">Sentencia T-985\/08 DERECHO A LA SALUD DEL MENOR-Cirug\u00eda odontol\u00f3gica a cargo de la EPS pero el padre debe asumir un pago que se orden\u00f3 teniendo en cuenta situaci\u00f3n econ\u00f3mica El accionante representa a su hija, una ni\u00f1a de 12 a\u00f1os de edad que requiere un servicio de salud, seg\u00fan concepto de su m\u00e9dico tratante (ventana quir\u00fargica). Cuando el servicio fue autorizado por la EPS (Compensar), la entidad indic\u00f3 que \u00e9ste no se encontraba dentro del POS, por lo que ser\u00eda ordenado si el padre de la menor aportaba una suma de $70.300. Teniendo en cuenta la situaci\u00f3n econ\u00f3mica del accionante ...<br \/><div class=\"pt-cv-rmwrap\"><a href=\"https:\/\/www.dmsjuridica.com\/buscador_20179478954\/corteconstitucionalcronologico202454587\/t-985-08\/\" class=\"_self pt-cv-readmore btn btn-success\" target=\"_self\">Ver Sentencia Completa...<\/a><\/div><\/div><\/div><\/div>\n<div class=\"col-md-12 col-sm-12 col-xs-12 pt-cv-content-item pt-cv-1-col\" ><div class='pt-cv-ifield'><a href=\"https:\/\/www.dmsjuridica.com\/buscador_20179478954\/corteconstitucionalcronologico202454587\/t-984-08\/\" class=\"_self pt-cv-href-thumbnail pt-cv-thumb-default\" target=\"_self\" ><\/a>\n<div class=\"pt-cv-taxoterm above_title\"><a href='https:\/\/www.dmsjuridica.com\/buscador_20179478954\/corteconstitucionalcronologico202454587\/category\/buscar-en-toda-la-corte\/2008\/tutelas-2008\/' title='Tutelas 2008' class='pt-cv-tax-tutelas-2008'>Tutelas 2008<\/a><\/div>\n<h4 class=\"pt-cv-title\"><a href=\"https:\/\/www.dmsjuridica.com\/buscador_20179478954\/corteconstitucionalcronologico202454587\/t-984-08\/\" class=\"_self\" target=\"_self\" >T-984-08<\/a><\/h4>\n<div class=\"pt-cv-content\"> ...<br \/><div class=\"pt-cv-rmwrap\"><a href=\"https:\/\/www.dmsjuridica.com\/buscador_20179478954\/corteconstitucionalcronologico202454587\/t-984-08\/\" class=\"_self pt-cv-readmore btn btn-success\" target=\"_self\">Ver Sentencia Completa...<\/a><\/div><\/div><\/div><\/div>\n<div class=\"col-md-12 col-sm-12 col-xs-12 pt-cv-content-item pt-cv-1-col\" ><div class='pt-cv-ifield'><a href=\"https:\/\/www.dmsjuridica.com\/buscador_20179478954\/corteconstitucionalcronologico202454587\/t-983-08\/\" class=\"_self pt-cv-href-thumbnail pt-cv-thumb-default\" target=\"_self\" ><\/a>\n<div class=\"pt-cv-taxoterm above_title\"><a href='https:\/\/www.dmsjuridica.com\/buscador_20179478954\/corteconstitucionalcronologico202454587\/category\/buscar-en-toda-la-corte\/2008\/tutelas-2008\/' title='Tutelas 2008' class='pt-cv-tax-tutelas-2008'>Tutelas 2008<\/a><\/div>\n<h4 class=\"pt-cv-title\"><a href=\"https:\/\/www.dmsjuridica.com\/buscador_20179478954\/corteconstitucionalcronologico202454587\/t-983-08\/\" class=\"_self\" target=\"_self\" >T-983-08<\/a><\/h4>\n<div class=\"pt-cv-content\">\u00a0 \u00a0 Sentencia T-983\/08 \u00a0 ACCION DE TUTELA CONTRA PROVIDENCIAS JUDICIALES-Reiteraci\u00f3n de jurisprudencia \u00a0 OPORTUNIDAD COMO REQUISITOS DE PROCEDIBILIDAD PARA EL EJERCICIO DE LA ACCION DE TUTELA-Examen riguroso de este requisito cuando el amparo se intenta contra decisiones judiciales \u00a0 Para determinar la razonabilidad del lapso, la jurisprudencia ha construido una serie de criterios: (i) si existe un motivo v\u00e1lido para la inactividad de los accionantes; (ii) si la inactividad justificada vulnera el n\u00facleo esencial de los derechos de terceros afectados con la decisi\u00f3n; (iii) si existe un nexo causal entre el ejercicio tard\u00edo de la acci\u00f3n y la vulneraci\u00f3n ...<br \/><div class=\"pt-cv-rmwrap\"><a href=\"https:\/\/www.dmsjuridica.com\/buscador_20179478954\/corteconstitucionalcronologico202454587\/t-983-08\/\" class=\"_self pt-cv-readmore btn btn-success\" target=\"_self\">Ver Sentencia Completa...<\/a><\/div><\/div><\/div><\/div>\n<div class=\"col-md-12 col-sm-12 col-xs-12 pt-cv-content-item pt-cv-1-col\" ><div class='pt-cv-ifield'><a href=\"https:\/\/www.dmsjuridica.com\/buscador_20179478954\/corteconstitucionalcronologico202454587\/t-982-08\/\" class=\"_self pt-cv-href-thumbnail pt-cv-thumb-default\" target=\"_self\" ><\/a>\n<div class=\"pt-cv-taxoterm above_title\"><a href='https:\/\/www.dmsjuridica.com\/buscador_20179478954\/corteconstitucionalcronologico202454587\/category\/buscar-en-toda-la-corte\/2008\/tutelas-2008\/' title='Tutelas 2008' class='pt-cv-tax-tutelas-2008'>Tutelas 2008<\/a><\/div>\n<h4 class=\"pt-cv-title\"><a href=\"https:\/\/www.dmsjuridica.com\/buscador_20179478954\/corteconstitucionalcronologico202454587\/t-982-08\/\" class=\"_self\" target=\"_self\" >T-982-08<\/a><\/h4>\n<div class=\"pt-cv-content\">\u00a0 \u00a0 Sentencia T-982\/08 \u00a0 DERECHO A LA INDEMNIZACION SUSTITUTIVA-Caso en que se dan los requisitos y debe reconocerse\u00a0 \u00a0 Siendo as\u00ed, establecido como lo est\u00e1 que quienes alcanzan la edad y no pueden acceder a la pensi\u00f3n m\u00ednima por no completar el tiempo de servicio tienen derecho a una compensaci\u00f3n econ\u00f3mica, no podr\u00eda afirmarse que ello depende de si se cotiz\u00f3 en vigencia de la disposici\u00f3n o con antelaci\u00f3n a \u00e9sta, pues lo que el art\u00edculo 37 de la Ley 100 de 1993 toma en consideraci\u00f3n son las condiciones f\u00e1cticas que impiden a los sujetos mantener su vinculaci\u00f3n al ...<br \/><div class=\"pt-cv-rmwrap\"><a href=\"https:\/\/www.dmsjuridica.com\/buscador_20179478954\/corteconstitucionalcronologico202454587\/t-982-08\/\" class=\"_self pt-cv-readmore btn btn-success\" target=\"_self\">Ver Sentencia Completa...<\/a><\/div><\/div><\/div><\/div>\n<div class=\"col-md-12 col-sm-12 col-xs-12 pt-cv-content-item pt-cv-1-col\" ><div class='pt-cv-ifield'><a href=\"https:\/\/www.dmsjuridica.com\/buscador_20179478954\/corteconstitucionalcronologico202454587\/t-981-08\/\" class=\"_self pt-cv-href-thumbnail pt-cv-thumb-default\" target=\"_self\" ><\/a>\n<div class=\"pt-cv-taxoterm above_title\"><a href='https:\/\/www.dmsjuridica.com\/buscador_20179478954\/corteconstitucionalcronologico202454587\/category\/buscar-en-toda-la-corte\/2008\/tutelas-2008\/' title='Tutelas 2008' class='pt-cv-tax-tutelas-2008'>Tutelas 2008<\/a><\/div>\n<h4 class=\"pt-cv-title\"><a href=\"https:\/\/www.dmsjuridica.com\/buscador_20179478954\/corteconstitucionalcronologico202454587\/t-981-08\/\" class=\"_self\" target=\"_self\" >T-981-08<\/a><\/h4>\n<div class=\"pt-cv-content\">\u00a0 \u00a0 Sentencia T-981\/08 \u00a0 ACCION DE TUTELA CONTRA ENTIDAD PROMOTORA DE SALUD-Suministro de medicamentos excluidos del POSS\u00a0 \u00a0 En armon\u00eda con la jurisprudencia precedente, la Corte concluye que ante la negativa de la EPS de proporcionar los medicamentos que se requieren con necesidad invocando que se encuentran por fuera del POSS se vulnera el derecho a la salud del accionante, y en consecuencia, trat\u00e1ndose de un sujeto que requiere especial protecci\u00f3n constitucional, corresponde a la EPS su suministro. Ahora bien, si para la entrega de los mismos a mediado acci\u00f3n de tutela el reembolso a que tiene derecho la ...<br \/><div class=\"pt-cv-rmwrap\"><a href=\"https:\/\/www.dmsjuridica.com\/buscador_20179478954\/corteconstitucionalcronologico202454587\/t-981-08\/\" class=\"_self pt-cv-readmore btn btn-success\" target=\"_self\">Ver Sentencia Completa...<\/a><\/div><\/div><\/div><\/div>\n<div class=\"col-md-12 col-sm-12 col-xs-12 pt-cv-content-item pt-cv-1-col\" ><div class='pt-cv-ifield'><a href=\"https:\/\/www.dmsjuridica.com\/buscador_20179478954\/corteconstitucionalcronologico202454587\/t-980-08\/\" class=\"_self pt-cv-href-thumbnail pt-cv-thumb-default\" target=\"_self\" ><\/a>\n<div class=\"pt-cv-taxoterm above_title\"><a href='https:\/\/www.dmsjuridica.com\/buscador_20179478954\/corteconstitucionalcronologico202454587\/category\/buscar-en-toda-la-corte\/2008\/tutelas-2008\/' title='Tutelas 2008' class='pt-cv-tax-tutelas-2008'>Tutelas 2008<\/a><\/div>\n<h4 class=\"pt-cv-title\"><a href=\"https:\/\/www.dmsjuridica.com\/buscador_20179478954\/corteconstitucionalcronologico202454587\/t-980-08\/\" class=\"_self\" target=\"_self\" >T-980-08<\/a><\/h4>\n<div class=\"pt-cv-content\"> ...<br \/><div class=\"pt-cv-rmwrap\"><a href=\"https:\/\/www.dmsjuridica.com\/buscador_20179478954\/corteconstitucionalcronologico202454587\/t-980-08\/\" class=\"_self pt-cv-readmore btn btn-success\" target=\"_self\">Ver Sentencia Completa...<\/a><\/div><\/div><\/div><\/div>\n<div class=\"col-md-12 col-sm-12 col-xs-12 pt-cv-content-item pt-cv-1-col\" ><div class='pt-cv-ifield'><a href=\"https:\/\/www.dmsjuridica.com\/buscador_20179478954\/corteconstitucionalcronologico202454587\/t-979-08\/\" class=\"_self pt-cv-href-thumbnail pt-cv-thumb-default\" target=\"_self\" ><\/a>\n<div class=\"pt-cv-taxoterm above_title\"><a href='https:\/\/www.dmsjuridica.com\/buscador_20179478954\/corteconstitucionalcronologico202454587\/category\/buscar-en-toda-la-corte\/2008\/tutelas-2008\/' title='Tutelas 2008' class='pt-cv-tax-tutelas-2008'>Tutelas 2008<\/a><\/div>\n<h4 class=\"pt-cv-title\"><a href=\"https:\/\/www.dmsjuridica.com\/buscador_20179478954\/corteconstitucionalcronologico202454587\/t-979-08\/\" class=\"_self\" target=\"_self\" >T-979-08<\/a><\/h4>\n<div class=\"pt-cv-content\">\u00a0 \u00a0 Sentencia T-979\/08 \u00a0 DERECHO A LA EDUCACION FRENTE A DERECHOS ECONOMICOS DE LAS INSTITUCIONES EDUCATIVAS-Reiteraci\u00f3n de jurisprudencia \u00a0 Para esta Corporaci\u00f3n es evidente que la demandante no tiene la suficiente solvencia econ\u00f3mica para sufragar en un s\u00f3lo pago y de forma inmediata el costo que le adeuda al Instituto Educativo por cuanto, no tiene un trabajo fijo sino que labora por temporalidades en la Alcald\u00eda de Girardot haciendo reemplazos en las secretar\u00edas de tal entidad; situaci\u00f3n que si bien no la excusa de su deber de pagar, si puede llegar a representarle una seria dificultad financiera. En tal ...<br \/><div class=\"pt-cv-rmwrap\"><a href=\"https:\/\/www.dmsjuridica.com\/buscador_20179478954\/corteconstitucionalcronologico202454587\/t-979-08\/\" class=\"_self pt-cv-readmore btn btn-success\" target=\"_self\">Ver Sentencia Completa...<\/a><\/div><\/div><\/div><\/div>\n<div class=\"col-md-12 col-sm-12 col-xs-12 pt-cv-content-item pt-cv-1-col\" ><div class='pt-cv-ifield'><a href=\"https:\/\/www.dmsjuridica.com\/buscador_20179478954\/corteconstitucionalcronologico202454587\/t-978-08\/\" class=\"_self pt-cv-href-thumbnail pt-cv-thumb-default\" target=\"_self\" ><\/a>\n<div class=\"pt-cv-taxoterm above_title\"><a href='https:\/\/www.dmsjuridica.com\/buscador_20179478954\/corteconstitucionalcronologico202454587\/category\/buscar-en-toda-la-corte\/2008\/tutelas-2008\/' title='Tutelas 2008' class='pt-cv-tax-tutelas-2008'>Tutelas 2008<\/a><\/div>\n<h4 class=\"pt-cv-title\"><a href=\"https:\/\/www.dmsjuridica.com\/buscador_20179478954\/corteconstitucionalcronologico202454587\/t-978-08\/\" class=\"_self\" target=\"_self\" >T-978-08<\/a><\/h4>\n<div class=\"pt-cv-content\"> ...<br \/><div class=\"pt-cv-rmwrap\"><a href=\"https:\/\/www.dmsjuridica.com\/buscador_20179478954\/corteconstitucionalcronologico202454587\/t-978-08\/\" class=\"_self pt-cv-readmore btn btn-success\" target=\"_self\">Ver Sentencia Completa...<\/a><\/div><\/div><\/div><\/div>\n<div class=\"col-md-12 col-sm-12 col-xs-12 pt-cv-content-item pt-cv-1-col\" ><div class='pt-cv-ifield'><a href=\"https:\/\/www.dmsjuridica.com\/buscador_20179478954\/corteconstitucionalcronologico202454587\/t-977-08\/\" class=\"_self pt-cv-href-thumbnail pt-cv-thumb-default\" target=\"_self\" ><\/a>\n<div class=\"pt-cv-taxoterm above_title\"><a href='https:\/\/www.dmsjuridica.com\/buscador_20179478954\/corteconstitucionalcronologico202454587\/category\/buscar-en-toda-la-corte\/2008\/tutelas-2008\/' title='Tutelas 2008' class='pt-cv-tax-tutelas-2008'>Tutelas 2008<\/a><\/div>\n<h4 class=\"pt-cv-title\"><a href=\"https:\/\/www.dmsjuridica.com\/buscador_20179478954\/corteconstitucionalcronologico202454587\/t-977-08\/\" class=\"_self\" target=\"_self\" >T-977-08<\/a><\/h4>\n<div class=\"pt-cv-content\">\u00a0 \u00a0 Sentencia T-977\/08 \u00a0 DERECHO A LA INDEMNIZACION CONTENIDA EN LA LEY 909 DE 2004 PREVISTA PARA LOS EMPLEADOS DE CARRERA ADMINISTRATIVA-Caso en que \u00a0la demandante estuvo treinta a\u00f1os en provisionalidad en un cargo de carrera \u00a0 Con base en los hechos anteriormente descritos, la Sala encuentra que no hubo una violaci\u00f3n al derecho fundamental a la igualdad de la se\u00f1ora como quiera que la Direcci\u00f3n Departamental de Salud del Cauca obr\u00f3 conforme lo se\u00f1ala la ley. En efecto, dicha entidad otorg\u00f3 la indemnizaci\u00f3n contenida en el art\u00edculo 44 de la Ley 909 de 2004 a todos aquellos trabajadores ...<br \/><div class=\"pt-cv-rmwrap\"><a href=\"https:\/\/www.dmsjuridica.com\/buscador_20179478954\/corteconstitucionalcronologico202454587\/t-977-08\/\" class=\"_self pt-cv-readmore btn btn-success\" target=\"_self\">Ver Sentencia Completa...<\/a><\/div><\/div><\/div><\/div>\n<div class=\"col-md-12 col-sm-12 col-xs-12 pt-cv-content-item pt-cv-1-col\" ><div class='pt-cv-ifield'><a href=\"https:\/\/www.dmsjuridica.com\/buscador_20179478954\/corteconstitucionalcronologico202454587\/t-976-08\/\" class=\"_self pt-cv-href-thumbnail pt-cv-thumb-default\" target=\"_self\" ><\/a>\n<div class=\"pt-cv-taxoterm above_title\"><a href='https:\/\/www.dmsjuridica.com\/buscador_20179478954\/corteconstitucionalcronologico202454587\/category\/buscar-en-toda-la-corte\/2008\/tutelas-2008\/' title='Tutelas 2008' class='pt-cv-tax-tutelas-2008'>Tutelas 2008<\/a><\/div>\n<h4 class=\"pt-cv-title\"><a href=\"https:\/\/www.dmsjuridica.com\/buscador_20179478954\/corteconstitucionalcronologico202454587\/t-976-08\/\" class=\"_self\" target=\"_self\" >T-976-08<\/a><\/h4>\n<div class=\"pt-cv-content\"> ...<br \/><div class=\"pt-cv-rmwrap\"><a href=\"https:\/\/www.dmsjuridica.com\/buscador_20179478954\/corteconstitucionalcronologico202454587\/t-976-08\/\" class=\"_self pt-cv-readmore btn btn-success\" target=\"_self\">Ver Sentencia Completa...<\/a><\/div><\/div><\/div><\/div>\n<div class=\"col-md-12 col-sm-12 col-xs-12 pt-cv-content-item pt-cv-1-col\" ><div class='pt-cv-ifield'><a href=\"https:\/\/www.dmsjuridica.com\/buscador_20179478954\/corteconstitucionalcronologico202454587\/t-975-08\/\" class=\"_self pt-cv-href-thumbnail pt-cv-thumb-default\" target=\"_self\" ><\/a>\n<div class=\"pt-cv-taxoterm above_title\"><a href='https:\/\/www.dmsjuridica.com\/buscador_20179478954\/corteconstitucionalcronologico202454587\/category\/buscar-en-toda-la-corte\/2008\/tutelas-2008\/' title='Tutelas 2008' class='pt-cv-tax-tutelas-2008'>Tutelas 2008<\/a><\/div>\n<h4 class=\"pt-cv-title\"><a href=\"https:\/\/www.dmsjuridica.com\/buscador_20179478954\/corteconstitucionalcronologico202454587\/t-975-08\/\" class=\"_self\" target=\"_self\" >T-975-08<\/a><\/h4>\n<div class=\"pt-cv-content\">\u00a0 \u00a0 Sentencia T-975\/08 \u00a0 DERECHO A LA SALUD DEL MENOR-Suministro de pa\u00f1ales por enfermedad a ni\u00f1a de 12 a\u00f1os \u00a0 Para esta Corte no hay duda de que los ni\u00f1os tienen una protecci\u00f3n constitucional reforzada respecto de su derecho fundamental a la salud, lo que implica la obligaci\u00f3n para el Sistema General de Seguridad Social en Salud de suministrar de manera adecuada todas las prestaciones que se requieran para cubrir sus necesidades. Como quiera que el derecho a la salud de los ni\u00f1os es un derecho fundamental y aut\u00f3nomo cuya protecci\u00f3n procede a trav\u00e9s del mecanismo de tutela, esta ...<br \/><div class=\"pt-cv-rmwrap\"><a href=\"https:\/\/www.dmsjuridica.com\/buscador_20179478954\/corteconstitucionalcronologico202454587\/t-975-08\/\" class=\"_self pt-cv-readmore btn btn-success\" target=\"_self\">Ver Sentencia Completa...<\/a><\/div><\/div><\/div><\/div>\n<div class=\"col-md-12 col-sm-12 col-xs-12 pt-cv-content-item pt-cv-1-col\" ><div class='pt-cv-ifield'><a href=\"https:\/\/www.dmsjuridica.com\/buscador_20179478954\/corteconstitucionalcronologico202454587\/t-974-08\/\" class=\"_self pt-cv-href-thumbnail pt-cv-thumb-default\" target=\"_self\" ><\/a>\n<div class=\"pt-cv-taxoterm above_title\"><a href='https:\/\/www.dmsjuridica.com\/buscador_20179478954\/corteconstitucionalcronologico202454587\/category\/buscar-en-toda-la-corte\/2008\/tutelas-2008\/' title='Tutelas 2008' class='pt-cv-tax-tutelas-2008'>Tutelas 2008<\/a><\/div>\n<h4 class=\"pt-cv-title\"><a href=\"https:\/\/www.dmsjuridica.com\/buscador_20179478954\/corteconstitucionalcronologico202454587\/t-974-08\/\" class=\"_self\" target=\"_self\" >T-974-08<\/a><\/h4>\n<div class=\"pt-cv-content\">\u00a0 \u00a0 Sentencia T-974\/08 \u00a0 DERECHO A LA SALUD DEL MENOR EN REGIMEN SUBSIDIADO-Es a la Secretar\u00eda de Salud del Municipio a la que le corresponde iniciar el tr\u00e1mite para asignarle una EPS \u00a0 Referencia: expediente T-1\u2019948.466 \u00a0 Accionante: Jenny Johanna Reyes en representaci\u00f3n de su hija Niyired Le\u00f3n Reyes \u00a0 Accionado: Secretar\u00eda Municipal de Ibagu\u00e9 \u00a0 Magistrado Ponente:\u00a0 \u00a0 Dr. MARCO GERARDO MONROY CABRA \u00a0 Bogot\u00e1 D.C., nueve (9) de octubre de dos mil ocho (2008) \u00a0 La Sala Sexta de la Corte Constitucional, integrada por los Magistrados doctores, Humberto Antonio Sierra Porto, Nilson Pinilla Pinilla y Marco Gerardo ...<br \/><div class=\"pt-cv-rmwrap\"><a href=\"https:\/\/www.dmsjuridica.com\/buscador_20179478954\/corteconstitucionalcronologico202454587\/t-974-08\/\" class=\"_self pt-cv-readmore btn btn-success\" target=\"_self\">Ver Sentencia Completa...<\/a><\/div><\/div><\/div><\/div>\n<div class=\"col-md-12 col-sm-12 col-xs-12 pt-cv-content-item pt-cv-1-col\" ><div class='pt-cv-ifield'><a href=\"https:\/\/www.dmsjuridica.com\/buscador_20179478954\/corteconstitucionalcronologico202454587\/t-973-08\/\" class=\"_self pt-cv-href-thumbnail pt-cv-thumb-default\" target=\"_self\" ><\/a>\n<div class=\"pt-cv-taxoterm above_title\"><a href='https:\/\/www.dmsjuridica.com\/buscador_20179478954\/corteconstitucionalcronologico202454587\/category\/buscar-en-toda-la-corte\/2008\/tutelas-2008\/' title='Tutelas 2008' class='pt-cv-tax-tutelas-2008'>Tutelas 2008<\/a><\/div>\n<h4 class=\"pt-cv-title\"><a href=\"https:\/\/www.dmsjuridica.com\/buscador_20179478954\/corteconstitucionalcronologico202454587\/t-973-08\/\" class=\"_self\" target=\"_self\" >T-973-08<\/a><\/h4>\n<div class=\"pt-cv-content\"> ...<br \/><div class=\"pt-cv-rmwrap\"><a href=\"https:\/\/www.dmsjuridica.com\/buscador_20179478954\/corteconstitucionalcronologico202454587\/t-973-08\/\" class=\"_self pt-cv-readmore btn btn-success\" target=\"_self\">Ver Sentencia Completa...<\/a><\/div><\/div><\/div><\/div>\n<div class=\"col-md-12 col-sm-12 col-xs-12 pt-cv-content-item pt-cv-1-col\" ><div class='pt-cv-ifield'><a href=\"https:\/\/www.dmsjuridica.com\/buscador_20179478954\/corteconstitucionalcronologico202454587\/t-972-08\/\" class=\"_self pt-cv-href-thumbnail pt-cv-thumb-default\" target=\"_self\" ><\/a>\n<div class=\"pt-cv-taxoterm above_title\"><a href='https:\/\/www.dmsjuridica.com\/buscador_20179478954\/corteconstitucionalcronologico202454587\/category\/buscar-en-toda-la-corte\/2008\/tutelas-2008\/' title='Tutelas 2008' class='pt-cv-tax-tutelas-2008'>Tutelas 2008<\/a><\/div>\n<h4 class=\"pt-cv-title\"><a href=\"https:\/\/www.dmsjuridica.com\/buscador_20179478954\/corteconstitucionalcronologico202454587\/t-972-08\/\" class=\"_self\" target=\"_self\" >T-972-08<\/a><\/h4>\n<div class=\"pt-cv-content\"> ...<br \/><div class=\"pt-cv-rmwrap\"><a href=\"https:\/\/www.dmsjuridica.com\/buscador_20179478954\/corteconstitucionalcronologico202454587\/t-972-08\/\" class=\"_self pt-cv-readmore btn btn-success\" target=\"_self\">Ver Sentencia Completa...<\/a><\/div><\/div><\/div><\/div>\n<div class=\"col-md-12 col-sm-12 col-xs-12 pt-cv-content-item pt-cv-1-col\" ><div class='pt-cv-ifield'><a href=\"https:\/\/www.dmsjuridica.com\/buscador_20179478954\/corteconstitucionalcronologico202454587\/t-971-08\/\" class=\"_self pt-cv-href-thumbnail pt-cv-thumb-default\" target=\"_self\" ><\/a>\n<div class=\"pt-cv-taxoterm above_title\"><a href='https:\/\/www.dmsjuridica.com\/buscador_20179478954\/corteconstitucionalcronologico202454587\/category\/buscar-en-toda-la-corte\/2008\/tutelas-2008\/' title='Tutelas 2008' class='pt-cv-tax-tutelas-2008'>Tutelas 2008<\/a><\/div>\n<h4 class=\"pt-cv-title\"><a href=\"https:\/\/www.dmsjuridica.com\/buscador_20179478954\/corteconstitucionalcronologico202454587\/t-971-08\/\" class=\"_self\" target=\"_self\" >T-971-08<\/a><\/h4>\n<div class=\"pt-cv-content\"> ...<br \/><div class=\"pt-cv-rmwrap\"><a href=\"https:\/\/www.dmsjuridica.com\/buscador_20179478954\/corteconstitucionalcronologico202454587\/t-971-08\/\" class=\"_self pt-cv-readmore btn btn-success\" target=\"_self\">Ver Sentencia Completa...<\/a><\/div><\/div><\/div><\/div>\n<div class=\"col-md-12 col-sm-12 col-xs-12 pt-cv-content-item pt-cv-1-col\" ><div class='pt-cv-ifield'><a href=\"https:\/\/www.dmsjuridica.com\/buscador_20179478954\/corteconstitucionalcronologico202454587\/t-970-08\/\" class=\"_self pt-cv-href-thumbnail pt-cv-thumb-default\" target=\"_self\" ><\/a>\n<div class=\"pt-cv-taxoterm above_title\"><a href='https:\/\/www.dmsjuridica.com\/buscador_20179478954\/corteconstitucionalcronologico202454587\/category\/buscar-en-toda-la-corte\/2008\/tutelas-2008\/' title='Tutelas 2008' class='pt-cv-tax-tutelas-2008'>Tutelas 2008<\/a><\/div>\n<h4 class=\"pt-cv-title\"><a href=\"https:\/\/www.dmsjuridica.com\/buscador_20179478954\/corteconstitucionalcronologico202454587\/t-970-08\/\" class=\"_self\" target=\"_self\" >T-970-08<\/a><\/h4>\n<div class=\"pt-cv-content\"> ...<br \/><div class=\"pt-cv-rmwrap\"><a href=\"https:\/\/www.dmsjuridica.com\/buscador_20179478954\/corteconstitucionalcronologico202454587\/t-970-08\/\" class=\"_self pt-cv-readmore btn btn-success\" target=\"_self\">Ver Sentencia Completa...<\/a><\/div><\/div><\/div><\/div>\n<div class=\"col-md-12 col-sm-12 col-xs-12 pt-cv-content-item pt-cv-1-col\" ><div class='pt-cv-ifield'><a href=\"https:\/\/www.dmsjuridica.com\/buscador_20179478954\/corteconstitucionalcronologico202454587\/t-969-08\/\" class=\"_self pt-cv-href-thumbnail pt-cv-thumb-default\" target=\"_self\" ><\/a>\n<div class=\"pt-cv-taxoterm above_title\"><a href='https:\/\/www.dmsjuridica.com\/buscador_20179478954\/corteconstitucionalcronologico202454587\/category\/buscar-en-toda-la-corte\/2008\/tutelas-2008\/' title='Tutelas 2008' class='pt-cv-tax-tutelas-2008'>Tutelas 2008<\/a><\/div>\n<h4 class=\"pt-cv-title\"><a href=\"https:\/\/www.dmsjuridica.com\/buscador_20179478954\/corteconstitucionalcronologico202454587\/t-969-08\/\" class=\"_self\" target=\"_self\" >T-969-08<\/a><\/h4>\n<div class=\"pt-cv-content\">\u00a0 \u00a0 Sentencia T-969\/08 \u00a0 ACTO DE ADJUDICACION DE UN CONCURSO PUBLICO Y LITIS CONSORCIO NECESARIO PARA IMPUGNAR ACTOS DE LA ADMINISTRACION \u00a0 La Sala encuentra que el Consejo de Estado ha definido este asunto dejando sentado que por cuanto el acto de adjudicaci\u00f3n de un concurso p\u00fablico para selecci\u00f3n de contratistas hace surgir una relaci\u00f3n jur\u00eddico sustancial que implica la asunci\u00f3n de obligaciones solidarias por parte de los miembros del consorcio adjudicatario para con la Administraci\u00f3n, despu\u00e9s de que se ha adjudicado el concurso a un consorcio, la impugnaci\u00f3n de los actos de la Administraci\u00f3n implica la conformaci\u00f3n de ...<br \/><div class=\"pt-cv-rmwrap\"><a href=\"https:\/\/www.dmsjuridica.com\/buscador_20179478954\/corteconstitucionalcronologico202454587\/t-969-08\/\" class=\"_self pt-cv-readmore btn btn-success\" target=\"_self\">Ver Sentencia Completa...<\/a><\/div><\/div><\/div><\/div>\n<div class=\"col-md-12 col-sm-12 col-xs-12 pt-cv-content-item pt-cv-1-col\" ><div class='pt-cv-ifield'><a href=\"https:\/\/www.dmsjuridica.com\/buscador_20179478954\/corteconstitucionalcronologico202454587\/t-968-08\/\" class=\"_self pt-cv-href-thumbnail pt-cv-thumb-default\" target=\"_self\" ><\/a>\n<div class=\"pt-cv-taxoterm above_title\"><a href='https:\/\/www.dmsjuridica.com\/buscador_20179478954\/corteconstitucionalcronologico202454587\/category\/buscar-en-toda-la-corte\/2008\/tutelas-2008\/' title='Tutelas 2008' class='pt-cv-tax-tutelas-2008'>Tutelas 2008<\/a><\/div>\n<h4 class=\"pt-cv-title\"><a href=\"https:\/\/www.dmsjuridica.com\/buscador_20179478954\/corteconstitucionalcronologico202454587\/t-968-08\/\" class=\"_self\" target=\"_self\" >T-968-08<\/a><\/h4>\n<div class=\"pt-cv-content\">\u00a0 \u00a0 \u00a0 \u00a0 Sentencia T-968\/08 \u00a0 LINEA JURISPRUDENCIAL SOBRE CIRUGIA DE BYPASS GASTRICO POR OBESIDAD MORBIDA \u00a0 DERECHO A LA SALUD-Precisi\u00f3n t\u00e9cnica sobre los t\u00e9rminos de obesidad m\u00f3rbida y cirug\u00eda bari\u00e1trica\u00a0 \u00a0 Cabe entonces se\u00f1alar que el tratamiento solicitado por la peticionaria, by pass g\u00e1strico por laparoscopia, s\u00ed se encuentra incluido en el POS. As\u00ed mismo, de las pruebas obrantes en el expediente se deduce que la titular de los derechos cuya protecci\u00f3n reclama por v\u00eda de tutela, es una persona que padece obesidad m\u00f3rbida e hipertensi\u00f3n arterial, aunadas a otras novedades, que han causado desmedro en su salud ...<br \/><div class=\"pt-cv-rmwrap\"><a href=\"https:\/\/www.dmsjuridica.com\/buscador_20179478954\/corteconstitucionalcronologico202454587\/t-968-08\/\" class=\"_self pt-cv-readmore btn btn-success\" target=\"_self\">Ver Sentencia Completa...<\/a><\/div><\/div><\/div><\/div>\n<div class=\"col-md-12 col-sm-12 col-xs-12 pt-cv-content-item pt-cv-1-col\" ><div class='pt-cv-ifield'><a href=\"https:\/\/www.dmsjuridica.com\/buscador_20179478954\/corteconstitucionalcronologico202454587\/t-967-08\/\" class=\"_self pt-cv-href-thumbnail pt-cv-thumb-default\" target=\"_self\" ><\/a>\n<div class=\"pt-cv-taxoterm above_title\"><a href='https:\/\/www.dmsjuridica.com\/buscador_20179478954\/corteconstitucionalcronologico202454587\/category\/buscar-en-toda-la-corte\/2008\/tutelas-2008\/' title='Tutelas 2008' class='pt-cv-tax-tutelas-2008'>Tutelas 2008<\/a><\/div>\n<h4 class=\"pt-cv-title\"><a href=\"https:\/\/www.dmsjuridica.com\/buscador_20179478954\/corteconstitucionalcronologico202454587\/t-967-08\/\" class=\"_self\" target=\"_self\" >T-967-08<\/a><\/h4>\n<div class=\"pt-cv-content\">\u00a0 \u00a0 Sentencia T-967\/08 \u00a0 ACCION DE TUTELA CONTRA JUZGADO POR EXISTENCIA DE VIA DE HECHO JUDICIAL-Caso en que se revivi\u00f3 para el proceso una prueba carente de validez\/INCIDENTE DE LIQUIDACION DE PERJUICIOS-Caso en que no se pod\u00edan renovar pruebas que hab\u00edan sido declaradas nulas\/DERECHO AL DEBIDO PROCESO DE COMPA\u00d1IA DE SEGUROS \u00a0 El debido proceso constitucional - art. 29 CN -, aboga por la protecci\u00f3n de las garant\u00edas esenciales o b\u00e1sicas de cualquier proceso. En criterio de la Corte, tales garant\u00edas esenciales debe aplicarse a toda clase de actuaciones judiciales, dentro de las cuales el ejercicio del mismo implica ...<br \/><div class=\"pt-cv-rmwrap\"><a href=\"https:\/\/www.dmsjuridica.com\/buscador_20179478954\/corteconstitucionalcronologico202454587\/t-967-08\/\" class=\"_self pt-cv-readmore btn btn-success\" target=\"_self\">Ver Sentencia Completa...<\/a><\/div><\/div><\/div><\/div>\n<div class=\"col-md-12 col-sm-12 col-xs-12 pt-cv-content-item pt-cv-1-col\" ><div class='pt-cv-ifield'><a href=\"https:\/\/www.dmsjuridica.com\/buscador_20179478954\/corteconstitucionalcronologico202454587\/t-966-08\/\" class=\"_self pt-cv-href-thumbnail pt-cv-thumb-default\" target=\"_self\" ><\/a>\n<div class=\"pt-cv-taxoterm above_title\"><a href='https:\/\/www.dmsjuridica.com\/buscador_20179478954\/corteconstitucionalcronologico202454587\/category\/buscar-en-toda-la-corte\/2008\/tutelas-2008\/' title='Tutelas 2008' class='pt-cv-tax-tutelas-2008'>Tutelas 2008<\/a><\/div>\n<h4 class=\"pt-cv-title\"><a href=\"https:\/\/www.dmsjuridica.com\/buscador_20179478954\/corteconstitucionalcronologico202454587\/t-966-08\/\" class=\"_self\" target=\"_self\" >T-966-08<\/a><\/h4>\n<div class=\"pt-cv-content\">\u00a0 \u00a0 Sentencia T-966\/08 \u00a0 ACCION DE TUTELA CONTRA RESOLUCION DE EXTRADICION-Caso de madre de beb\u00e9 canguro \u00a0 La Sala considera que es procedente la acci\u00f3n de tutela instaurada en el presente caso contra la Resoluci\u00f3n expedida por el Presidente de la Rep\u00fablica, en virtud de la cual se decidi\u00f3 sobre una solicitud de extradici\u00f3n. \u00a0 NI\u00d1OS, NI\u00d1AS Y ADOLESCENTES COMO SUJETOS DE ESPECIAL PROTECCION CONSTITUCIONAL\u00a0 \u00a0 Los y las menores son sujetos de especial protecci\u00f3n constitucional. As\u00ed mismo, sus derechos y las correlativas obligaciones para con ellos y ellas prevalecen frente a los derechos y las obligaciones de los ...<br \/><div class=\"pt-cv-rmwrap\"><a href=\"https:\/\/www.dmsjuridica.com\/buscador_20179478954\/corteconstitucionalcronologico202454587\/t-966-08\/\" class=\"_self pt-cv-readmore btn btn-success\" target=\"_self\">Ver Sentencia Completa...<\/a><\/div><\/div><\/div><\/div>\n<div class=\"col-md-12 col-sm-12 col-xs-12 pt-cv-content-item pt-cv-1-col\" ><div class='pt-cv-ifield'><a href=\"https:\/\/www.dmsjuridica.com\/buscador_20179478954\/corteconstitucionalcronologico202454587\/t-965-08\/\" class=\"_self pt-cv-href-thumbnail pt-cv-thumb-default\" target=\"_self\" ><\/a>\n<div class=\"pt-cv-taxoterm above_title\"><a href='https:\/\/www.dmsjuridica.com\/buscador_20179478954\/corteconstitucionalcronologico202454587\/category\/buscar-en-toda-la-corte\/2008\/tutelas-2008\/' title='Tutelas 2008' class='pt-cv-tax-tutelas-2008'>Tutelas 2008<\/a><\/div>\n<h4 class=\"pt-cv-title\"><a href=\"https:\/\/www.dmsjuridica.com\/buscador_20179478954\/corteconstitucionalcronologico202454587\/t-965-08\/\" class=\"_self\" target=\"_self\" >T-965-08<\/a><\/h4>\n<div class=\"pt-cv-content\">\u00a0 \u00a0 Sentencia T-965\/08 \u00a0 NACIONALIDAD COMO FUNDAMENTO JURIDICO PARA LA EXPEDICION DE LA CEDULA DE CIUDADANIA \u00a0 EXPEDICION DE CEDULA DE CIUDADANIA Y RELACION CON LA PROTECCION DE DERECHOS FUNDAMENTALES-Reiteraci\u00f3n de jurisprudencia \u00a0 De conformidad con la jurisprudencia constitucional, a la luz del ordenamiento jur\u00eddico colombiano, la c\u00e9dula de ciudadan\u00eda cumple tres funciones: identificar a las personas, acreditar la mayor\u00eda de edad y la ciudadan\u00eda, y permitir el ejercicio de los derechos civiles y pol\u00edticos. \u00a0 DERECHO DE LAS PERSONAS A LA CEDULA DE CIUDADANIA-Deben acreditarse los requisitos exigidos por la Constituci\u00f3n y la Ley \u00a0 Toda persona que ...<br \/><div class=\"pt-cv-rmwrap\"><a href=\"https:\/\/www.dmsjuridica.com\/buscador_20179478954\/corteconstitucionalcronologico202454587\/t-965-08\/\" class=\"_self pt-cv-readmore btn btn-success\" target=\"_self\">Ver Sentencia Completa...<\/a><\/div><\/div><\/div><\/div>\n<div class=\"col-md-12 col-sm-12 col-xs-12 pt-cv-content-item pt-cv-1-col\" ><div class='pt-cv-ifield'><a href=\"https:\/\/www.dmsjuridica.com\/buscador_20179478954\/corteconstitucionalcronologico202454587\/t-964-08\/\" class=\"_self pt-cv-href-thumbnail pt-cv-thumb-default\" target=\"_self\" ><\/a>\n<div class=\"pt-cv-taxoterm above_title\"><a href='https:\/\/www.dmsjuridica.com\/buscador_20179478954\/corteconstitucionalcronologico202454587\/category\/buscar-en-toda-la-corte\/2008\/tutelas-2008\/' title='Tutelas 2008' class='pt-cv-tax-tutelas-2008'>Tutelas 2008<\/a><\/div>\n<h4 class=\"pt-cv-title\"><a href=\"https:\/\/www.dmsjuridica.com\/buscador_20179478954\/corteconstitucionalcronologico202454587\/t-964-08\/\" class=\"_self\" target=\"_self\" >T-964-08<\/a><\/h4>\n<div class=\"pt-cv-content\"> ...<br \/><div class=\"pt-cv-rmwrap\"><a href=\"https:\/\/www.dmsjuridica.com\/buscador_20179478954\/corteconstitucionalcronologico202454587\/t-964-08\/\" class=\"_self pt-cv-readmore btn btn-success\" target=\"_self\">Ver Sentencia Completa...<\/a><\/div><\/div><\/div><\/div>\n<div class=\"col-md-12 col-sm-12 col-xs-12 pt-cv-content-item pt-cv-1-col\" ><div class='pt-cv-ifield'><a href=\"https:\/\/www.dmsjuridica.com\/buscador_20179478954\/corteconstitucionalcronologico202454587\/t-963-08\/\" class=\"_self pt-cv-href-thumbnail pt-cv-thumb-default\" target=\"_self\" ><\/a>\n<div class=\"pt-cv-taxoterm above_title\"><a href='https:\/\/www.dmsjuridica.com\/buscador_20179478954\/corteconstitucionalcronologico202454587\/category\/buscar-en-toda-la-corte\/2008\/tutelas-2008\/' title='Tutelas 2008' class='pt-cv-tax-tutelas-2008'>Tutelas 2008<\/a><\/div>\n<h4 class=\"pt-cv-title\"><a href=\"https:\/\/www.dmsjuridica.com\/buscador_20179478954\/corteconstitucionalcronologico202454587\/t-963-08\/\" class=\"_self\" target=\"_self\" >T-963-08<\/a><\/h4>\n<div class=\"pt-cv-content\">\u00a0 \u00a0 Sentencia T-963\/08 \u00a0 CEDULA DE CIUDADANIA-Caso en que la segunda c\u00e9dula fue cancelada por la Registradur\u00eda Nacional del Estado Civil\/CEDULA DE CIUDADANIA-Importancia y funci\u00f3n dentro del ordenamiento jur\u00eddico colombiano \u00a0 En el ordenamiento jur\u00eddico colombiano la c\u00e9dula de ciudadan\u00eda es un documento que cumple m\u00faltiples funciones y que est\u00e1 estrechamente ligado a la legitimidad del Estado Social y democr\u00e1tico de Derecho. Por esta raz\u00f3n, autoridades administrativas especializadas est\u00e1n encargadas de velar por que documentos que hayan sido expedidos mediante errores o fraudes, sean identificados y cancelados. Dada la relevancia de la c\u00e9dula de ciudadan\u00eda en el ordenamiento jur\u00eddico ...<br \/><div class=\"pt-cv-rmwrap\"><a href=\"https:\/\/www.dmsjuridica.com\/buscador_20179478954\/corteconstitucionalcronologico202454587\/t-963-08\/\" class=\"_self pt-cv-readmore btn btn-success\" target=\"_self\">Ver Sentencia Completa...<\/a><\/div><\/div><\/div><\/div>\n<div class=\"col-md-12 col-sm-12 col-xs-12 pt-cv-content-item pt-cv-1-col\" ><div class='pt-cv-ifield'><a href=\"https:\/\/www.dmsjuridica.com\/buscador_20179478954\/corteconstitucionalcronologico202454587\/t-962-08\/\" class=\"_self pt-cv-href-thumbnail pt-cv-thumb-default\" target=\"_self\" ><\/a>\n<div class=\"pt-cv-taxoterm above_title\"><a href='https:\/\/www.dmsjuridica.com\/buscador_20179478954\/corteconstitucionalcronologico202454587\/category\/buscar-en-toda-la-corte\/2008\/tutelas-2008\/' title='Tutelas 2008' class='pt-cv-tax-tutelas-2008'>Tutelas 2008<\/a><\/div>\n<h4 class=\"pt-cv-title\"><a href=\"https:\/\/www.dmsjuridica.com\/buscador_20179478954\/corteconstitucionalcronologico202454587\/t-962-08\/\" class=\"_self\" target=\"_self\" >T-962-08<\/a><\/h4>\n<div class=\"pt-cv-content\">\u00a0 \u00a0 Sentencia T-962\/08 \u00a0 COOPERATIVA DE TRABAJO ASOCIADO-Fundamentos normativos\/COOPERATIVAS DE TRABAJO ASOCIADO-Caracter\u00edsticas \u00a0 En t\u00e9rminos de la Corte Constitucional, las caracter\u00edsticas de las cooperativas de trabajo asociado son: (i) la asociaci\u00f3n es voluntaria y libre; (ii) se rigen por el principio de igualdad de los asociados; (iii) no existe \u00e1nimo de lucro; (iv) la organizaci\u00f3n es democr\u00e1tica; (v) el trabajo de los asociados es su base fundamental; (vi) desarrolla actividades econ\u00f3mico sociales; (vii) hay solidaridad en la compensaci\u00f3n o retribuci\u00f3n; (viii) existe autonom\u00eda empresarial. \u00a0 COOPERATIVAS DE TRABAJO ASOCIADO-El trabajador asociado tiene la calidad simult\u00e1nea de gestor y trabajador ...<br \/><div class=\"pt-cv-rmwrap\"><a href=\"https:\/\/www.dmsjuridica.com\/buscador_20179478954\/corteconstitucionalcronologico202454587\/t-962-08\/\" class=\"_self pt-cv-readmore btn btn-success\" target=\"_self\">Ver Sentencia Completa...<\/a><\/div><\/div><\/div><\/div>\n<div class=\"col-md-12 col-sm-12 col-xs-12 pt-cv-content-item pt-cv-1-col\" ><div class='pt-cv-ifield'><a href=\"https:\/\/www.dmsjuridica.com\/buscador_20179478954\/corteconstitucionalcronologico202454587\/t-961-08\/\" class=\"_self pt-cv-href-thumbnail pt-cv-thumb-default\" target=\"_self\" ><\/a>\n<div class=\"pt-cv-taxoterm above_title\"><a href='https:\/\/www.dmsjuridica.com\/buscador_20179478954\/corteconstitucionalcronologico202454587\/category\/buscar-en-toda-la-corte\/2008\/tutelas-2008\/' title='Tutelas 2008' class='pt-cv-tax-tutelas-2008'>Tutelas 2008<\/a><\/div>\n<h4 class=\"pt-cv-title\"><a href=\"https:\/\/www.dmsjuridica.com\/buscador_20179478954\/corteconstitucionalcronologico202454587\/t-961-08\/\" class=\"_self\" target=\"_self\" >T-961-08<\/a><\/h4>\n<div class=\"pt-cv-content\"> ...<br \/><div class=\"pt-cv-rmwrap\"><a href=\"https:\/\/www.dmsjuridica.com\/buscador_20179478954\/corteconstitucionalcronologico202454587\/t-961-08\/\" class=\"_self pt-cv-readmore btn btn-success\" target=\"_self\">Ver Sentencia Completa...<\/a><\/div><\/div><\/div><\/div>\n<div class=\"col-md-12 col-sm-12 col-xs-12 pt-cv-content-item pt-cv-1-col\" ><div class='pt-cv-ifield'><a href=\"https:\/\/www.dmsjuridica.com\/buscador_20179478954\/corteconstitucionalcronologico202454587\/t-960-08\/\" class=\"_self pt-cv-href-thumbnail pt-cv-thumb-default\" target=\"_self\" ><\/a>\n<div class=\"pt-cv-taxoterm above_title\"><a href='https:\/\/www.dmsjuridica.com\/buscador_20179478954\/corteconstitucionalcronologico202454587\/category\/buscar-en-toda-la-corte\/2008\/tutelas-2008\/' title='Tutelas 2008' class='pt-cv-tax-tutelas-2008'>Tutelas 2008<\/a><\/div>\n<h4 class=\"pt-cv-title\"><a href=\"https:\/\/www.dmsjuridica.com\/buscador_20179478954\/corteconstitucionalcronologico202454587\/t-960-08\/\" class=\"_self\" target=\"_self\" >T-960-08<\/a><\/h4>\n<div class=\"pt-cv-content\">\u00a0 \u00a0 Sentencia T-960\/08 \u00a0 ACCION DE TUTELA TEMERARIA-L\u00ednea jurisprudencial\/ACCION DE TUTELA TEMERARIA-Requisitos para que se configure \u00a0 Existe actuaci\u00f3n temeraria con relaci\u00f3n a la acci\u00f3n de tutela, en los casos en que el juez de tutela determine que las m\u00faltiples acciones interpuestas guardan identidad de partes, de objeto, de causa pretendi y \u00a0carecen de justificaci\u00f3n constitucional suficiente. Conforme a las normas que regulan la materia, en tales casos, el juez de instancia deber\u00e1 declarar la improcedencia de las solicitudes de amparo e imponer las sanciones a que haya lugar. Sin embargo, la declaratoria de improcedencia de la acci\u00f3n de ...<br \/><div class=\"pt-cv-rmwrap\"><a href=\"https:\/\/www.dmsjuridica.com\/buscador_20179478954\/corteconstitucionalcronologico202454587\/t-960-08\/\" class=\"_self pt-cv-readmore btn btn-success\" target=\"_self\">Ver Sentencia Completa...<\/a><\/div><\/div><\/div><\/div>\n<div class=\"col-md-12 col-sm-12 col-xs-12 pt-cv-content-item pt-cv-1-col\" ><div class='pt-cv-ifield'><a href=\"https:\/\/www.dmsjuridica.com\/buscador_20179478954\/corteconstitucionalcronologico202454587\/t-959-08\/\" class=\"_self pt-cv-href-thumbnail pt-cv-thumb-default\" target=\"_self\" ><\/a>\n<div class=\"pt-cv-taxoterm above_title\"><a href='https:\/\/www.dmsjuridica.com\/buscador_20179478954\/corteconstitucionalcronologico202454587\/category\/buscar-en-toda-la-corte\/2008\/tutelas-2008\/' title='Tutelas 2008' class='pt-cv-tax-tutelas-2008'>Tutelas 2008<\/a><\/div>\n<h4 class=\"pt-cv-title\"><a href=\"https:\/\/www.dmsjuridica.com\/buscador_20179478954\/corteconstitucionalcronologico202454587\/t-959-08\/\" class=\"_self\" target=\"_self\" >T-959-08<\/a><\/h4>\n<div class=\"pt-cv-content\">\u00a0 \u00a0 Sentencia T-959\/08 \u00a0 ACCION DE TUTELA CONTRA PROVIDENCIAS JUDICIALES-Procedencia excepcional \u00a0 PRINCIPIO DE INMEDIATEZ Y ACCION DE TUTELA-El art\u00edculo 86 de la Constituci\u00f3n no establece t\u00e9rmino para hacer valer el derecho fundamental amenazado o vulnerado \u00a0 El tema de la inmediatez es un concepto de creaci\u00f3n jurisprudencial que ha hecho referencia a la diligencia en que debi\u00f3 haber incurrido aquella persona que se haya visto vulnerada o amenazada en sus derechos fundamentales. Espec\u00edficamente, \u00e9sta ha sido utilizada por la Corte Constitucional para denotar la actividad y prontitud con que la persona busc\u00f3 proteger sus derechos fundamentales. \u00a0En esencia, ...<br \/><div class=\"pt-cv-rmwrap\"><a href=\"https:\/\/www.dmsjuridica.com\/buscador_20179478954\/corteconstitucionalcronologico202454587\/t-959-08\/\" class=\"_self pt-cv-readmore btn btn-success\" target=\"_self\">Ver Sentencia Completa...<\/a><\/div><\/div><\/div><\/div>\n<div class=\"col-md-12 col-sm-12 col-xs-12 pt-cv-content-item pt-cv-1-col\" ><div class='pt-cv-ifield'><a href=\"https:\/\/www.dmsjuridica.com\/buscador_20179478954\/corteconstitucionalcronologico202454587\/t-958-08\/\" class=\"_self pt-cv-href-thumbnail pt-cv-thumb-default\" target=\"_self\" ><\/a>\n<div class=\"pt-cv-taxoterm above_title\"><a href='https:\/\/www.dmsjuridica.com\/buscador_20179478954\/corteconstitucionalcronologico202454587\/category\/buscar-en-toda-la-corte\/2008\/tutelas-2008\/' title='Tutelas 2008' class='pt-cv-tax-tutelas-2008'>Tutelas 2008<\/a><\/div>\n<h4 class=\"pt-cv-title\"><a href=\"https:\/\/www.dmsjuridica.com\/buscador_20179478954\/corteconstitucionalcronologico202454587\/t-958-08\/\" class=\"_self\" target=\"_self\" >T-958-08<\/a><\/h4>\n<div class=\"pt-cv-content\"> ...<br \/><div class=\"pt-cv-rmwrap\"><a href=\"https:\/\/www.dmsjuridica.com\/buscador_20179478954\/corteconstitucionalcronologico202454587\/t-958-08\/\" class=\"_self pt-cv-readmore btn btn-success\" target=\"_self\">Ver Sentencia Completa...<\/a><\/div><\/div><\/div><\/div>\n<div class=\"col-md-12 col-sm-12 col-xs-12 pt-cv-content-item pt-cv-1-col\" ><div class='pt-cv-ifield'><a href=\"https:\/\/www.dmsjuridica.com\/buscador_20179478954\/corteconstitucionalcronologico202454587\/t-957-08\/\" class=\"_self pt-cv-href-thumbnail pt-cv-thumb-default\" target=\"_self\" ><\/a>\n<div class=\"pt-cv-taxoterm above_title\"><a href='https:\/\/www.dmsjuridica.com\/buscador_20179478954\/corteconstitucionalcronologico202454587\/category\/buscar-en-toda-la-corte\/2008\/tutelas-2008\/' title='Tutelas 2008' class='pt-cv-tax-tutelas-2008'>Tutelas 2008<\/a><\/div>\n<h4 class=\"pt-cv-title\"><a href=\"https:\/\/www.dmsjuridica.com\/buscador_20179478954\/corteconstitucionalcronologico202454587\/t-957-08\/\" class=\"_self\" target=\"_self\" >T-957-08<\/a><\/h4>\n<div class=\"pt-cv-content\">\u00a0 \u00a0 Sentencia T-957\/08 \u00a0 ACCION DE TUTELA TEMERARIA-Reiteraci\u00f3n de jurisprudencia \u00a0 La Sala considera que, tal y como lo detectaron los jueces de instancia en el tr\u00e1mite de la presente tutela, el ejercicio de esta nueva acci\u00f3n es temerario por presentar la \u201ctriple identidad\u201d de hechos, derechos y sujetos. Las demandantes no pusieron de presente la existencia de motivos o circunstancias que le permitan al juez de tutela justificar el hecho de que hayan vuelto a hacer uso del mecanismo de protecci\u00f3n de los derechos fundamentales. \u00a0 Referencia: expediente T- 1915461 \u00a0 Acci\u00f3n de tutela instaurada por Galeano Ospina ...<br \/><div class=\"pt-cv-rmwrap\"><a href=\"https:\/\/www.dmsjuridica.com\/buscador_20179478954\/corteconstitucionalcronologico202454587\/t-957-08\/\" class=\"_self pt-cv-readmore btn btn-success\" target=\"_self\">Ver Sentencia Completa...<\/a><\/div><\/div><\/div><\/div>\n<div class=\"col-md-12 col-sm-12 col-xs-12 pt-cv-content-item pt-cv-1-col\" ><div class='pt-cv-ifield'><a href=\"https:\/\/www.dmsjuridica.com\/buscador_20179478954\/corteconstitucionalcronologico202454587\/t-956-08\/\" class=\"_self pt-cv-href-thumbnail pt-cv-thumb-default\" target=\"_self\" ><\/a>\n<div class=\"pt-cv-taxoterm above_title\"><a href='https:\/\/www.dmsjuridica.com\/buscador_20179478954\/corteconstitucionalcronologico202454587\/category\/buscar-en-toda-la-corte\/2008\/tutelas-2008\/' title='Tutelas 2008' class='pt-cv-tax-tutelas-2008'>Tutelas 2008<\/a><\/div>\n<h4 class=\"pt-cv-title\"><a href=\"https:\/\/www.dmsjuridica.com\/buscador_20179478954\/corteconstitucionalcronologico202454587\/t-956-08\/\" class=\"_self\" target=\"_self\" >T-956-08<\/a><\/h4>\n<div class=\"pt-cv-content\">\u00a0 \u00a0 Sentencia T-956\/08 \u00a0 ACCION DE TUTELA-Procedencia excepcional para el pago de incapacidades laborales \u00a0 PRECEDENTE JUDICIAL-Respeto\/PRECEDENTE JUDICIAL EN INCAPACIDAD LABORAL-Regla jurisprudencial sobre el allanamiento a la mora por EPS \u00a0 En los t\u00e9rminos de la Sentencia T-1047 de 2007 esta Sala sintetiz\u00f3 la jurisprudencia constitucional relativa a las prestaciones econ\u00f3micas a que dan lugar las incapacidades m\u00e9dicas, con ocasi\u00f3n de la revisi\u00f3n de las sentencias que negaban a un trabajador el amparo constitucional a exigir el reconocimiento y pago de aquellas, en raz\u00f3n de la mora patronal arg\u00fcida por la EPS accionada. Concluy\u00f3 entonces la Sala que la ...<br \/><div class=\"pt-cv-rmwrap\"><a href=\"https:\/\/www.dmsjuridica.com\/buscador_20179478954\/corteconstitucionalcronologico202454587\/t-956-08\/\" class=\"_self pt-cv-readmore btn btn-success\" target=\"_self\">Ver Sentencia Completa...<\/a><\/div><\/div><\/div><\/div>\n<div class=\"col-md-12 col-sm-12 col-xs-12 pt-cv-content-item pt-cv-1-col\" ><div class='pt-cv-ifield'><a href=\"https:\/\/www.dmsjuridica.com\/buscador_20179478954\/corteconstitucionalcronologico202454587\/t-955-08\/\" class=\"_self pt-cv-href-thumbnail pt-cv-thumb-default\" target=\"_self\" ><\/a>\n<div class=\"pt-cv-taxoterm above_title\"><a href='https:\/\/www.dmsjuridica.com\/buscador_20179478954\/corteconstitucionalcronologico202454587\/category\/buscar-en-toda-la-corte\/2008\/tutelas-2008\/' title='Tutelas 2008' class='pt-cv-tax-tutelas-2008'>Tutelas 2008<\/a><\/div>\n<h4 class=\"pt-cv-title\"><a href=\"https:\/\/www.dmsjuridica.com\/buscador_20179478954\/corteconstitucionalcronologico202454587\/t-955-08\/\" class=\"_self\" target=\"_self\" >T-955-08<\/a><\/h4>\n<div class=\"pt-cv-content\">\u00a0 \u00a0 Sentencia T-955\/08 \u00a0 ACCION DE TUTELA CONTRA PROVIDENCIAS JUDICIALES-Procedencia excepcional\/ACCION DE TUTELA CONTRA PROVIDENCIAS JUDICIALES-Improcedencia de la tutela cuando se han ejercido o agotado los medios ordinarios de defensa \u00a0 En esta oportunidad el actor ataca el auto del 6 de Agosto de 2007 proferido por el Juzgado en donde se resolvi\u00f3 reconocer al apoderado judicial del ISS como tercero interesado en el asunto y se suspendi\u00f3 el pago de los dep\u00f3sitos judiciales al actor, correspondientes a las mesadas pensionales de su padre secuestrado que ven\u00eda administrando el demandante como curador provisional de bienes. Sin embargo, contra la ...<br \/><div class=\"pt-cv-rmwrap\"><a href=\"https:\/\/www.dmsjuridica.com\/buscador_20179478954\/corteconstitucionalcronologico202454587\/t-955-08\/\" class=\"_self pt-cv-readmore btn btn-success\" target=\"_self\">Ver Sentencia Completa...<\/a><\/div><\/div><\/div><\/div>\n<div class=\"col-md-12 col-sm-12 col-xs-12 pt-cv-content-item pt-cv-1-col\" ><div class='pt-cv-ifield'><a href=\"https:\/\/www.dmsjuridica.com\/buscador_20179478954\/corteconstitucionalcronologico202454587\/t-954-08\/\" class=\"_self pt-cv-href-thumbnail pt-cv-thumb-default\" target=\"_self\" ><\/a>\n<div class=\"pt-cv-taxoterm above_title\"><a href='https:\/\/www.dmsjuridica.com\/buscador_20179478954\/corteconstitucionalcronologico202454587\/category\/buscar-en-toda-la-corte\/2008\/tutelas-2008\/' title='Tutelas 2008' class='pt-cv-tax-tutelas-2008'>Tutelas 2008<\/a><\/div>\n<h4 class=\"pt-cv-title\"><a href=\"https:\/\/www.dmsjuridica.com\/buscador_20179478954\/corteconstitucionalcronologico202454587\/t-954-08\/\" class=\"_self\" target=\"_self\" >T-954-08<\/a><\/h4>\n<div class=\"pt-cv-content\">\u00a0 \u00a0 Sentencia T-954\/08\u00a0 \u00a0 ACCION DE TUTELA CONTRA EL MINISTERIO DE LA PROTECCION SOCIAL \u2013 GRUPO INTERNO DE TRABAJO PARA LA GESTION DEL PASIVO SOCIAL DE PUERTOS DE COLOMBIA-Caso en que se suspendi\u00f3 el pago del reajuste pensional ordenado por ser el resultado de la comisi\u00f3n de un delito \u00a0 En el caso bajo estudio, no se est\u00e1 ante la hip\u00f3tesis de violaci\u00f3n del debido proceso administrativo por la revocatoria o suspensi\u00f3n unilateral de un acto administrativo de car\u00e1cter particular y concreto sin el consentimiento de los afectados, como quiera que el fundamento de la suspensi\u00f3n es la adopci\u00f3n ...<br \/><div class=\"pt-cv-rmwrap\"><a href=\"https:\/\/www.dmsjuridica.com\/buscador_20179478954\/corteconstitucionalcronologico202454587\/t-954-08\/\" class=\"_self pt-cv-readmore btn btn-success\" target=\"_self\">Ver Sentencia Completa...<\/a><\/div><\/div><\/div><\/div>\n<div class=\"col-md-12 col-sm-12 col-xs-12 pt-cv-content-item pt-cv-1-col\" ><div class='pt-cv-ifield'><a href=\"https:\/\/www.dmsjuridica.com\/buscador_20179478954\/corteconstitucionalcronologico202454587\/t-953-08\/\" class=\"_self pt-cv-href-thumbnail pt-cv-thumb-default\" target=\"_self\" ><\/a>\n<div class=\"pt-cv-taxoterm above_title\"><a href='https:\/\/www.dmsjuridica.com\/buscador_20179478954\/corteconstitucionalcronologico202454587\/category\/buscar-en-toda-la-corte\/2008\/tutelas-2008\/' title='Tutelas 2008' class='pt-cv-tax-tutelas-2008'>Tutelas 2008<\/a><\/div>\n<h4 class=\"pt-cv-title\"><a href=\"https:\/\/www.dmsjuridica.com\/buscador_20179478954\/corteconstitucionalcronologico202454587\/t-953-08\/\" class=\"_self\" target=\"_self\" >T-953-08<\/a><\/h4>\n<div class=\"pt-cv-content\">\u00a0 \u00a0 Sentencia T-953\/08 \u00a0 ACCION DE TUTELA EN LOS CASOS DE DESVINCULACION LABORAL DE SUJETOS DE ESPECIAL PROTECCION CONSTITUCIONAL-Procedencia excepcional \u00a0 MADRE CABEZA DE FAMILIA COMO SUJETO DE ESPECIAL PROTECCION CONSTITUCIONAL-Reiteraci\u00f3n de jurisprudencia \u00a0 PERSONA DISCAPACITADA COMO SUJETO DE ESPECIAL PROTECCION CONSTITUCIONAL-Fundamento y adopci\u00f3n de acciones afirmativas\/SUPRESION DE CARGOS EN FACULTAD DE DERECHO DE UNIVERSIDAD-Espec\u00edficamente cargo de Secretaria Acad\u00e9mica \u00a0 No consta que en el proceso de reestructuraci\u00f3n se hayan adoptado medidas orientadas hacer frente a los requerimientos de los sujetos de especial protecci\u00f3n. No se explica como en la nueva planta de personal \u00a0no existe el cargo que ...<br \/><div class=\"pt-cv-rmwrap\"><a href=\"https:\/\/www.dmsjuridica.com\/buscador_20179478954\/corteconstitucionalcronologico202454587\/t-953-08\/\" class=\"_self pt-cv-readmore btn btn-success\" target=\"_self\">Ver Sentencia Completa...<\/a><\/div><\/div><\/div><\/div>\n<div class=\"col-md-12 col-sm-12 col-xs-12 pt-cv-content-item pt-cv-1-col\" ><div class='pt-cv-ifield'><a href=\"https:\/\/www.dmsjuridica.com\/buscador_20179478954\/corteconstitucionalcronologico202454587\/t-952-08\/\" class=\"_self pt-cv-href-thumbnail pt-cv-thumb-default\" target=\"_self\" ><\/a>\n<div class=\"pt-cv-taxoterm above_title\"><a href='https:\/\/www.dmsjuridica.com\/buscador_20179478954\/corteconstitucionalcronologico202454587\/category\/buscar-en-toda-la-corte\/2008\/tutelas-2008\/' title='Tutelas 2008' class='pt-cv-tax-tutelas-2008'>Tutelas 2008<\/a><\/div>\n<h4 class=\"pt-cv-title\"><a href=\"https:\/\/www.dmsjuridica.com\/buscador_20179478954\/corteconstitucionalcronologico202454587\/t-952-08\/\" class=\"_self\" target=\"_self\" >T-952-08<\/a><\/h4>\n<div class=\"pt-cv-content\">\u00a0 \u00a0 Sentencia T-952\/08 \u00a0 PERSONAS DISCAPACITADAS-Protecci\u00f3n constitucional \u00a0 ESTADO DE INVALIDEZ DE ORIGEN NO PROFESIONAL-Interpretaci\u00f3n flexible del requisito de los periodos de cotizaci\u00f3n\/ PENSION DE INVALIDEZ-Caso en que por un deficiente sistema de transici\u00f3n al realizarse el cambio de legislaci\u00f3n no existe regla que sea exactamente aplicable \u00a0 La accionante \u00a0hab\u00eda cotizado con anterioridad a la fecha de estructuraci\u00f3n de la enfermedad en un periodo considerable de tiempo -13 a\u00f1os. Sin embargo, por un deficiente sistema de transici\u00f3n al realizarse el cambio de legislaci\u00f3n no existe regla que sea exactamente aplicable a su caso, motivo por el cual ese ...<br \/><div class=\"pt-cv-rmwrap\"><a href=\"https:\/\/www.dmsjuridica.com\/buscador_20179478954\/corteconstitucionalcronologico202454587\/t-952-08\/\" class=\"_self pt-cv-readmore btn btn-success\" target=\"_self\">Ver Sentencia Completa...<\/a><\/div><\/div><\/div><\/div>\n<div class=\"col-md-12 col-sm-12 col-xs-12 pt-cv-content-item pt-cv-1-col\" ><div class='pt-cv-ifield'><a href=\"https:\/\/www.dmsjuridica.com\/buscador_20179478954\/corteconstitucionalcronologico202454587\/t-951-08\/\" class=\"_self pt-cv-href-thumbnail pt-cv-thumb-default\" target=\"_self\" ><\/a>\n<div class=\"pt-cv-taxoterm above_title\"><a href='https:\/\/www.dmsjuridica.com\/buscador_20179478954\/corteconstitucionalcronologico202454587\/category\/buscar-en-toda-la-corte\/2008\/tutelas-2008\/' title='Tutelas 2008' class='pt-cv-tax-tutelas-2008'>Tutelas 2008<\/a><\/div>\n<h4 class=\"pt-cv-title\"><a href=\"https:\/\/www.dmsjuridica.com\/buscador_20179478954\/corteconstitucionalcronologico202454587\/t-951-08\/\" class=\"_self\" target=\"_self\" >T-951-08<\/a><\/h4>\n<div class=\"pt-cv-content\">\u00a0 \u00a0 Sentencia T-951\/08 \u00a0 PRINCIPIO DE SUBSIDIARIEDAD DE LA ACCION DE TUTELA-Reiteraci\u00f3n de jurisprudencia\/DEMANDA EJECUTIVA LABORAL DE DOCENTES MUNICIPALES CONTRA MUNICIPIO \u00a0 En atenci\u00f3n a los hechos que fundamentan la presente solicitud de amparo, as\u00ed como en las pruebas que obran en el expediente, la presente acci\u00f3n ser\u00e1 declarada improcedente por incumplimiento de la regla general de subsidiariedad anteriormente expuesta, dado que: (i) el accionante no hizo uso oportuno de los medios judiciales previstos para su defensa durante el tr\u00e1mite del proceso ejecutivo laboral adelantado en su contra; y (ii) el juez del conocimiento dentro de dicho proceso, a\u00fan ...<br \/><div class=\"pt-cv-rmwrap\"><a href=\"https:\/\/www.dmsjuridica.com\/buscador_20179478954\/corteconstitucionalcronologico202454587\/t-951-08\/\" class=\"_self pt-cv-readmore btn btn-success\" target=\"_self\">Ver Sentencia Completa...<\/a><\/div><\/div><\/div><\/div>\n<div class=\"col-md-12 col-sm-12 col-xs-12 pt-cv-content-item pt-cv-1-col\" ><div class='pt-cv-ifield'><a href=\"https:\/\/www.dmsjuridica.com\/buscador_20179478954\/corteconstitucionalcronologico202454587\/t-950-08\/\" class=\"_self pt-cv-href-thumbnail pt-cv-thumb-default\" target=\"_self\" ><\/a>\n<div class=\"pt-cv-taxoterm above_title\"><a href='https:\/\/www.dmsjuridica.com\/buscador_20179478954\/corteconstitucionalcronologico202454587\/category\/buscar-en-toda-la-corte\/2008\/tutelas-2008\/' title='Tutelas 2008' class='pt-cv-tax-tutelas-2008'>Tutelas 2008<\/a><\/div>\n<h4 class=\"pt-cv-title\"><a href=\"https:\/\/www.dmsjuridica.com\/buscador_20179478954\/corteconstitucionalcronologico202454587\/t-950-08\/\" class=\"_self\" target=\"_self\" >T-950-08<\/a><\/h4>\n<div class=\"pt-cv-content\">\u00a0 \u00a0 Sentencia T-950\/08 \u00a0 AGENCIA OFICIOSA EN TUTELA-C\u00f3nyuge en representaci\u00f3n de esposo que requiere medicamento y respecto del cual no existe prueba de que est\u00e9 imposibilitado para acudir directamente\/AGENCIA OFICIOSA EN TUTELA-Par\u00e1metros que permiten establecer procedencia en cada caso concreto \u00a0 Esta Corte ha revisado varios casos en los cuales un c\u00f3nyuge interpone en nombre del otro la acci\u00f3n tuitiva de derechos fundamentales. En todos ellos, las circunstancias en las cuales se encontraba el o la interesada eran tales que se evidenciaba su imposibilidad f\u00edsica o mental para interponer por s\u00ed mismo la acci\u00f3n de tutela. La Corte ha ...<br \/><div class=\"pt-cv-rmwrap\"><a href=\"https:\/\/www.dmsjuridica.com\/buscador_20179478954\/corteconstitucionalcronologico202454587\/t-950-08\/\" class=\"_self pt-cv-readmore btn btn-success\" target=\"_self\">Ver Sentencia Completa...<\/a><\/div><\/div><\/div><\/div>\n<div class=\"col-md-12 col-sm-12 col-xs-12 pt-cv-content-item pt-cv-1-col\" ><div class='pt-cv-ifield'><a href=\"https:\/\/www.dmsjuridica.com\/buscador_20179478954\/corteconstitucionalcronologico202454587\/t-949-08\/\" class=\"_self pt-cv-href-thumbnail pt-cv-thumb-default\" target=\"_self\" ><\/a>\n<div class=\"pt-cv-taxoterm above_title\"><a href='https:\/\/www.dmsjuridica.com\/buscador_20179478954\/corteconstitucionalcronologico202454587\/category\/buscar-en-toda-la-corte\/2008\/tutelas-2008\/' title='Tutelas 2008' class='pt-cv-tax-tutelas-2008'>Tutelas 2008<\/a><\/div>\n<h4 class=\"pt-cv-title\"><a href=\"https:\/\/www.dmsjuridica.com\/buscador_20179478954\/corteconstitucionalcronologico202454587\/t-949-08\/\" class=\"_self\" target=\"_self\" >T-949-08<\/a><\/h4>\n<div class=\"pt-cv-content\">\u00a0 \u00a0 Sentencia T-949\/08 \u00a0 PENSION DE JUBILACION-Casos excepcionales en que procede para reclamar por tutela \u00a0 No obstante lo dicho, la regla que restringe la participaci\u00f3n de la acci\u00f3n de tutela en la protecci\u00f3n de los derechos prestacionales tampoco es absoluta. Conforme con su propia l\u00ednea jurisprudencial, la Corte ha venido sosteniendo que, excepcionalmente, es posible el reconocimiento de esta clase de derechos por la v\u00eda del amparo constitucional, no solo cuando se ejerce como mecanismo transitorio, caso en el cual es necesario demostrar la existencia de un perjuicio irremediable, sino tambi\u00e9n cuando el medio judicial preferente es ineficaz ...<br \/><div class=\"pt-cv-rmwrap\"><a href=\"https:\/\/www.dmsjuridica.com\/buscador_20179478954\/corteconstitucionalcronologico202454587\/t-949-08\/\" class=\"_self pt-cv-readmore btn btn-success\" target=\"_self\">Ver Sentencia Completa...<\/a><\/div><\/div><\/div><\/div>\n<div class=\"col-md-12 col-sm-12 col-xs-12 pt-cv-content-item pt-cv-1-col\" ><div class='pt-cv-ifield'><a href=\"https:\/\/www.dmsjuridica.com\/buscador_20179478954\/corteconstitucionalcronologico202454587\/t-948-08\/\" class=\"_self pt-cv-href-thumbnail pt-cv-thumb-default\" target=\"_self\" ><\/a>\n<div class=\"pt-cv-taxoterm above_title\"><a href='https:\/\/www.dmsjuridica.com\/buscador_20179478954\/corteconstitucionalcronologico202454587\/category\/buscar-en-toda-la-corte\/2008\/tutelas-2008\/' title='Tutelas 2008' class='pt-cv-tax-tutelas-2008'>Tutelas 2008<\/a><\/div>\n<h4 class=\"pt-cv-title\"><a href=\"https:\/\/www.dmsjuridica.com\/buscador_20179478954\/corteconstitucionalcronologico202454587\/t-948-08\/\" class=\"_self\" target=\"_self\" >T-948-08<\/a><\/h4>\n<div class=\"pt-cv-content\">\u00a0 \u00a0 Sentencia T-948\/08\u00a0 \u00a0 DERECHO FUNDAMENTAL A LA IGUALDAD Y JUICIO A LA IGUALDAD-Caso en que debe aplicarse un criterio estricto de razonabilidad\u00a0 \u00a0 PROTECCION CONSTITUCIONAL ESPECIAL DE PERSONAS PORTADORAS DE VIH\/SIDA-Prohibici\u00f3n de discriminaci\u00f3n por esta condici\u00f3n \u00a0 Las personas portadoras del VIH o que padezcan sida son sujetos de especial protecci\u00f3n constitucional, por cuanto se trata de una enfermedad mortal que causa el deterioro progresivo del estado de salud y que hace exigible un trato igualitario, solidario y digno ante las circunstancias de debilidad manifiesta en que se encuentran. En consecuencia, es deber del estado Colombiano adoptar las ...<br \/><div class=\"pt-cv-rmwrap\"><a href=\"https:\/\/www.dmsjuridica.com\/buscador_20179478954\/corteconstitucionalcronologico202454587\/t-948-08\/\" class=\"_self pt-cv-readmore btn btn-success\" target=\"_self\">Ver Sentencia Completa...<\/a><\/div><\/div><\/div><\/div>\n<div class=\"col-md-12 col-sm-12 col-xs-12 pt-cv-content-item pt-cv-1-col\" ><div class='pt-cv-ifield'><a href=\"https:\/\/www.dmsjuridica.com\/buscador_20179478954\/corteconstitucionalcronologico202454587\/t-947-08\/\" class=\"_self pt-cv-href-thumbnail pt-cv-thumb-default\" target=\"_self\" ><\/a>\n<div class=\"pt-cv-taxoterm above_title\"><a href='https:\/\/www.dmsjuridica.com\/buscador_20179478954\/corteconstitucionalcronologico202454587\/category\/buscar-en-toda-la-corte\/2008\/tutelas-2008\/' title='Tutelas 2008' class='pt-cv-tax-tutelas-2008'>Tutelas 2008<\/a><\/div>\n<h4 class=\"pt-cv-title\"><a href=\"https:\/\/www.dmsjuridica.com\/buscador_20179478954\/corteconstitucionalcronologico202454587\/t-947-08\/\" class=\"_self\" target=\"_self\" >T-947-08<\/a><\/h4>\n<div class=\"pt-cv-content\"> ...<br \/><div class=\"pt-cv-rmwrap\"><a href=\"https:\/\/www.dmsjuridica.com\/buscador_20179478954\/corteconstitucionalcronologico202454587\/t-947-08\/\" class=\"_self pt-cv-readmore btn btn-success\" target=\"_self\">Ver Sentencia Completa...<\/a><\/div><\/div><\/div><\/div>\n<div class=\"col-md-12 col-sm-12 col-xs-12 pt-cv-content-item pt-cv-1-col\" ><div class='pt-cv-ifield'><a href=\"https:\/\/www.dmsjuridica.com\/buscador_20179478954\/corteconstitucionalcronologico202454587\/t-946-08\/\" class=\"_self pt-cv-href-thumbnail pt-cv-thumb-default\" target=\"_self\" ><\/a>\n<div class=\"pt-cv-taxoterm above_title\"><a href='https:\/\/www.dmsjuridica.com\/buscador_20179478954\/corteconstitucionalcronologico202454587\/category\/buscar-en-toda-la-corte\/2008\/tutelas-2008\/' title='Tutelas 2008' class='pt-cv-tax-tutelas-2008'>Tutelas 2008<\/a><\/div>\n<h4 class=\"pt-cv-title\"><a href=\"https:\/\/www.dmsjuridica.com\/buscador_20179478954\/corteconstitucionalcronologico202454587\/t-946-08\/\" class=\"_self\" target=\"_self\" >T-946-08<\/a><\/h4>\n<div class=\"pt-cv-content\">\u00a0 \u00a0 Sentencia T-946\/08 \u00a0 INTERRUPCION VOLUNTARIA DEL EMBARAZO\/CAUSALES DE DESPENALIZACION DEL ABORTO\/OBJECION DE CONCIENCIA EN CASOS DE ABORTO\/CONSECUENCIAS JURIDICAS POR LA NO PRACTICA OPORTUNA DEL ABORTO EN LOS EVENTOS DESPENALIZADOS \u00a0 La Corte debe reiterar que cuando el \u00a0embarazo sea resultado de una conducta constitutiva de acceso carnal o acto sexual sin\u00a0 consentimiento, abusivo, o de inseminaci\u00f3n artificial o de transferencia de \u00f3vulo fecundado no consentidas,\u00a0 o de incesto basta con la presentaci\u00f3n de la denuncia ante la autoridad competente para que las entidades que conforman el Sistema de Seguridad Social en Salud autoricen la realizaci\u00f3n del aborto en ...<br \/><div class=\"pt-cv-rmwrap\"><a href=\"https:\/\/www.dmsjuridica.com\/buscador_20179478954\/corteconstitucionalcronologico202454587\/t-946-08\/\" class=\"_self pt-cv-readmore btn btn-success\" target=\"_self\">Ver Sentencia Completa...<\/a><\/div><\/div><\/div><\/div>\n<div class=\"col-md-12 col-sm-12 col-xs-12 pt-cv-content-item pt-cv-1-col\" ><div class='pt-cv-ifield'><a href=\"https:\/\/www.dmsjuridica.com\/buscador_20179478954\/corteconstitucionalcronologico202454587\/t-945-08\/\" class=\"_self pt-cv-href-thumbnail pt-cv-thumb-default\" target=\"_self\" ><\/a>\n<div class=\"pt-cv-taxoterm above_title\"><a href='https:\/\/www.dmsjuridica.com\/buscador_20179478954\/corteconstitucionalcronologico202454587\/category\/buscar-en-toda-la-corte\/2008\/tutelas-2008\/' title='Tutelas 2008' class='pt-cv-tax-tutelas-2008'>Tutelas 2008<\/a><\/div>\n<h4 class=\"pt-cv-title\"><a href=\"https:\/\/www.dmsjuridica.com\/buscador_20179478954\/corteconstitucionalcronologico202454587\/t-945-08\/\" class=\"_self\" target=\"_self\" >T-945-08<\/a><\/h4>\n<div class=\"pt-cv-content\">\u00a0 \u00a0 Sentencia T-945\/08 \u00a0 ACCION DE TUTELA CONTRA SENTENCIA DE LA SECCION QUINTA DEL CONSEJO DE ESTADO-Caso de la nulidad de la elecci\u00f3n del Director de la Corporaci\u00f3n Aut\u00f3noma Regional del Choc\u00f3 \u00a0 ACCION DE TUTELA CONTRA SENTENCIAS EJECUTORIADAS-Reiteraci\u00f3n de jurisprudencia\u00a0 \u00a0 COMPETENCIA DEL CONSEJO DE ESTADO PARA CONOCER ACTOS DE ELECCION DEL ORDEN NACIONAL-Interpretaci\u00f3n arm\u00f3nica de los art\u00edculos 128 y 132 del CCA \u00a0 Podr\u00eda pensarse que los art\u00edculos 128 y 132 del C\u00f3digo Contencioso Administrativo son contradictorios en cuanto atribuyen el conocimiento de los actos de elecci\u00f3n del orden nacional a dos autoridades diferentes: al Consejo de ...<br \/><div class=\"pt-cv-rmwrap\"><a href=\"https:\/\/www.dmsjuridica.com\/buscador_20179478954\/corteconstitucionalcronologico202454587\/t-945-08\/\" class=\"_self pt-cv-readmore btn btn-success\" target=\"_self\">Ver Sentencia Completa...<\/a><\/div><\/div><\/div><\/div>\n<div class=\"col-md-12 col-sm-12 col-xs-12 pt-cv-content-item pt-cv-1-col\" ><div class='pt-cv-ifield'><a href=\"https:\/\/www.dmsjuridica.com\/buscador_20179478954\/corteconstitucionalcronologico202454587\/t-938-08\/\" class=\"_self pt-cv-href-thumbnail pt-cv-thumb-default\" target=\"_self\" ><\/a>\n<div class=\"pt-cv-taxoterm above_title\"><a href='https:\/\/www.dmsjuridica.com\/buscador_20179478954\/corteconstitucionalcronologico202454587\/category\/buscar-en-toda-la-corte\/2008\/tutelas-2008\/' title='Tutelas 2008' class='pt-cv-tax-tutelas-2008'>Tutelas 2008<\/a><\/div>\n<h4 class=\"pt-cv-title\"><a href=\"https:\/\/www.dmsjuridica.com\/buscador_20179478954\/corteconstitucionalcronologico202454587\/t-938-08\/\" class=\"_self\" target=\"_self\" >T-938-08<\/a><\/h4>\n<div class=\"pt-cv-content\"> ...<br \/><div class=\"pt-cv-rmwrap\"><a href=\"https:\/\/www.dmsjuridica.com\/buscador_20179478954\/corteconstitucionalcronologico202454587\/t-938-08\/\" class=\"_self pt-cv-readmore btn btn-success\" target=\"_self\">Ver Sentencia Completa...<\/a><\/div><\/div><\/div><\/div>\n<div class=\"col-md-12 col-sm-12 col-xs-12 pt-cv-content-item pt-cv-1-col\" ><div class='pt-cv-ifield'><a href=\"https:\/\/www.dmsjuridica.com\/buscador_20179478954\/corteconstitucionalcronologico202454587\/t-937-08\/\" class=\"_self pt-cv-href-thumbnail pt-cv-thumb-default\" target=\"_self\" ><\/a>\n<div class=\"pt-cv-taxoterm above_title\"><a href='https:\/\/www.dmsjuridica.com\/buscador_20179478954\/corteconstitucionalcronologico202454587\/category\/buscar-en-toda-la-corte\/2008\/tutelas-2008\/' title='Tutelas 2008' class='pt-cv-tax-tutelas-2008'>Tutelas 2008<\/a><\/div>\n<h4 class=\"pt-cv-title\"><a href=\"https:\/\/www.dmsjuridica.com\/buscador_20179478954\/corteconstitucionalcronologico202454587\/t-937-08\/\" class=\"_self\" target=\"_self\" >T-937-08<\/a><\/h4>\n<div class=\"pt-cv-content\"> ...<br \/><div class=\"pt-cv-rmwrap\"><a href=\"https:\/\/www.dmsjuridica.com\/buscador_20179478954\/corteconstitucionalcronologico202454587\/t-937-08\/\" class=\"_self pt-cv-readmore btn btn-success\" target=\"_self\">Ver Sentencia Completa...<\/a><\/div><\/div><\/div><\/div>\n<div class=\"col-md-12 col-sm-12 col-xs-12 pt-cv-content-item pt-cv-1-col\" ><div class='pt-cv-ifield'><a href=\"https:\/\/www.dmsjuridica.com\/buscador_20179478954\/corteconstitucionalcronologico202454587\/t-936-08\/\" class=\"_self pt-cv-href-thumbnail pt-cv-thumb-default\" target=\"_self\" ><\/a>\n<div class=\"pt-cv-taxoterm above_title\"><a href='https:\/\/www.dmsjuridica.com\/buscador_20179478954\/corteconstitucionalcronologico202454587\/category\/buscar-en-toda-la-corte\/2008\/tutelas-2008\/' title='Tutelas 2008' class='pt-cv-tax-tutelas-2008'>Tutelas 2008<\/a><\/div>\n<h4 class=\"pt-cv-title\"><a href=\"https:\/\/www.dmsjuridica.com\/buscador_20179478954\/corteconstitucionalcronologico202454587\/t-936-08\/\" class=\"_self\" target=\"_self\" >T-936-08<\/a><\/h4>\n<div class=\"pt-cv-content\">\u00a0 \u00a0 Sentencia T-936\/08 \u00a0 ACCION DE TUTELA-Procedencia excepcional para reconocimiento y pago \u00a0de pensi\u00f3n de invalidez \u00a0 REGIMEN PENSIONAL DE LOS MIEMBROS DE LA FUERZA PUBLICA-Regulaci\u00f3n normativa \u00a0 PENSION DE INVALIDEZ-Deber de especial cuidado en valoraciones t\u00e9cnicas en eventos ubicados en situaciones de l\u00edmite \u00a0 REVOCATORIA UNILATERAL DE ACTO ADMINISTRATIVO-No existe vulneraci\u00f3n de derechos \u00a0por el hecho de que la accionada someti\u00f3 al actor a una nueva valoraci\u00f3n m\u00e9dica y declar\u00f3 extinguida la pensi\u00f3n de invalidez\u00a0 \u00a0 En principio, no son de recibo las aseveraciones del actor en torno a las consecuencias que se derivan de la revocatoria unilateral ...<br \/><div class=\"pt-cv-rmwrap\"><a href=\"https:\/\/www.dmsjuridica.com\/buscador_20179478954\/corteconstitucionalcronologico202454587\/t-936-08\/\" class=\"_self pt-cv-readmore btn btn-success\" target=\"_self\">Ver Sentencia Completa...<\/a><\/div><\/div><\/div><\/div>\n<div class=\"col-md-12 col-sm-12 col-xs-12 pt-cv-content-item pt-cv-1-col\" ><div class='pt-cv-ifield'><a href=\"https:\/\/www.dmsjuridica.com\/buscador_20179478954\/corteconstitucionalcronologico202454587\/t-935-08\/\" class=\"_self pt-cv-href-thumbnail pt-cv-thumb-default\" target=\"_self\" ><\/a>\n<div class=\"pt-cv-taxoterm above_title\"><a href='https:\/\/www.dmsjuridica.com\/buscador_20179478954\/corteconstitucionalcronologico202454587\/category\/buscar-en-toda-la-corte\/2008\/tutelas-2008\/' title='Tutelas 2008' class='pt-cv-tax-tutelas-2008'>Tutelas 2008<\/a><\/div>\n<h4 class=\"pt-cv-title\"><a href=\"https:\/\/www.dmsjuridica.com\/buscador_20179478954\/corteconstitucionalcronologico202454587\/t-935-08\/\" class=\"_self\" target=\"_self\" >T-935-08<\/a><\/h4>\n<div class=\"pt-cv-content\">\u00a0 \u00a0 Sentencia T-935\/08 \u00a0 FONDO NACIONAL DEL AHORRO-Vulneraci\u00f3n de derechos al modificar el cr\u00e9dito de pesos a UVR sin informaci\u00f3n y aceptaci\u00f3n previa del titular \u00a0 FONDO NACIONAL DEL AHORRO-Deber de informar a usuarios la redenominaci\u00f3n de cr\u00e9ditos hipotecarios \u00a0 ESTABLECIMIENTO DE CREDITO-Obligaci\u00f3n de remitir a sus deudores informaci\u00f3n clara y comprensible de lo que ser\u00e1 el comportamiento de su cr\u00e9dito hipotecario para vivienda \u00a0 ACCION DE TUTELA CONTRA EL FONDO NACIONAL DEL AHORRO-Procedencia por violaci\u00f3n de derechos y confirmaci\u00f3n de la sentencia de primera instancia \u00a0 Referencia: expediente T-1.941.588 \u00a0 Acci\u00f3n de tutela instaurada por Mar\u00eda Esperanza del ...<br \/><div class=\"pt-cv-rmwrap\"><a href=\"https:\/\/www.dmsjuridica.com\/buscador_20179478954\/corteconstitucionalcronologico202454587\/t-935-08\/\" class=\"_self pt-cv-readmore btn btn-success\" target=\"_self\">Ver Sentencia Completa...<\/a><\/div><\/div><\/div><\/div>\n<div class=\"col-md-12 col-sm-12 col-xs-12 pt-cv-content-item pt-cv-1-col\" ><div class='pt-cv-ifield'><a href=\"https:\/\/www.dmsjuridica.com\/buscador_20179478954\/corteconstitucionalcronologico202454587\/t-934-08\/\" class=\"_self pt-cv-href-thumbnail pt-cv-thumb-default\" target=\"_self\" ><\/a>\n<div class=\"pt-cv-taxoterm above_title\"><a href='https:\/\/www.dmsjuridica.com\/buscador_20179478954\/corteconstitucionalcronologico202454587\/category\/buscar-en-toda-la-corte\/2008\/tutelas-2008\/' title='Tutelas 2008' class='pt-cv-tax-tutelas-2008'>Tutelas 2008<\/a><\/div>\n<h4 class=\"pt-cv-title\"><a href=\"https:\/\/www.dmsjuridica.com\/buscador_20179478954\/corteconstitucionalcronologico202454587\/t-934-08\/\" class=\"_self\" target=\"_self\" >T-934-08<\/a><\/h4>\n<div class=\"pt-cv-content\">\u00a0 \u00a0 Sentencia T-934\/08 \u00a0 DERECHO A LA SALUD-L\u00ednea jurisprudencial establecida en la T-760\/08 \u00a0 DERECHO A LA SALUD-Definici\u00f3n del concepto \u201crequerir con necesidad\u201d y requisitos \u00a0 DERECHO A LA SALUD Y A LA VIDA-Garant\u00eda de efectividad en el problema de salud p\u00fablica de la obesidad m\u00f3rbida \u00a0 DERECHO A LA SALUD Y A LA VIDA-Requisitos para realizar la cirug\u00eda de bypass g\u00e1strico por laparoscopia para la obesidad m\u00f3rbida para un beneficiario del Sisb\u00e9n \u00a0 ACCION DE TUTELA-Atenci\u00f3n integral al actor de todos los procedimientos previos y posteriores a la cirug\u00eda de bypass g\u00e1strico sin condicionarlo al pago de las ...<br \/><div class=\"pt-cv-rmwrap\"><a href=\"https:\/\/www.dmsjuridica.com\/buscador_20179478954\/corteconstitucionalcronologico202454587\/t-934-08\/\" class=\"_self pt-cv-readmore btn btn-success\" target=\"_self\">Ver Sentencia Completa...<\/a><\/div><\/div><\/div><\/div>\n<div class=\"col-md-12 col-sm-12 col-xs-12 pt-cv-content-item pt-cv-1-col\" ><div class='pt-cv-ifield'><a href=\"https:\/\/www.dmsjuridica.com\/buscador_20179478954\/corteconstitucionalcronologico202454587\/t-933-08\/\" class=\"_self pt-cv-href-thumbnail pt-cv-thumb-default\" target=\"_self\" ><\/a>\n<div class=\"pt-cv-taxoterm above_title\"><a href='https:\/\/www.dmsjuridica.com\/buscador_20179478954\/corteconstitucionalcronologico202454587\/category\/buscar-en-toda-la-corte\/2008\/tutelas-2008\/' title='Tutelas 2008' class='pt-cv-tax-tutelas-2008'>Tutelas 2008<\/a><\/div>\n<h4 class=\"pt-cv-title\"><a href=\"https:\/\/www.dmsjuridica.com\/buscador_20179478954\/corteconstitucionalcronologico202454587\/t-933-08\/\" class=\"_self\" target=\"_self\" >T-933-08<\/a><\/h4>\n<div class=\"pt-cv-content\">\u00a0 \u00a0 Sentencia T-933\/08 \u00a0 DERECHO A LA SALUD-Fundamental por conexidad con la vida e integridad personal \u00a0 ACCION DE TUTELA-Atenci\u00f3n de lesiones corporales en accidente de tr\u00e1nsito con cargo a los recursos del SOAT \u00a0 ACCION DE TUTELA-Presupuestos respecto al tratamiento legal que se le otorga al r\u00e9gimen del seguro obligatorio de da\u00f1os corporales causados a personas en accidentes de tr\u00e1nsito\u00a0 \u00a0 La Corte deriv\u00f3 tres conclusiones sobre el tratamiento legal que se le otorga al r\u00e9gimen del seguro obligatorio de da\u00f1os corporales causados a personas en accidentes de tr\u00e1nsito, que se encuentra regulado en el Estatuto Org\u00e1nico del ...<br \/><div class=\"pt-cv-rmwrap\"><a href=\"https:\/\/www.dmsjuridica.com\/buscador_20179478954\/corteconstitucionalcronologico202454587\/t-933-08\/\" class=\"_self pt-cv-readmore btn btn-success\" target=\"_self\">Ver Sentencia Completa...<\/a><\/div><\/div><\/div><\/div>\n<div class=\"col-md-12 col-sm-12 col-xs-12 pt-cv-content-item pt-cv-1-col\" ><div class='pt-cv-ifield'><a href=\"https:\/\/www.dmsjuridica.com\/buscador_20179478954\/corteconstitucionalcronologico202454587\/t-932-08\/\" class=\"_self pt-cv-href-thumbnail pt-cv-thumb-default\" target=\"_self\" ><\/a>\n<div class=\"pt-cv-taxoterm above_title\"><a href='https:\/\/www.dmsjuridica.com\/buscador_20179478954\/corteconstitucionalcronologico202454587\/category\/buscar-en-toda-la-corte\/2008\/tutelas-2008\/' title='Tutelas 2008' class='pt-cv-tax-tutelas-2008'>Tutelas 2008<\/a><\/div>\n<h4 class=\"pt-cv-title\"><a href=\"https:\/\/www.dmsjuridica.com\/buscador_20179478954\/corteconstitucionalcronologico202454587\/t-932-08\/\" class=\"_self\" target=\"_self\" >T-932-08<\/a><\/h4>\n<div class=\"pt-cv-content\"> ...<br \/><div class=\"pt-cv-rmwrap\"><a href=\"https:\/\/www.dmsjuridica.com\/buscador_20179478954\/corteconstitucionalcronologico202454587\/t-932-08\/\" class=\"_self pt-cv-readmore btn btn-success\" target=\"_self\">Ver Sentencia Completa...<\/a><\/div><\/div><\/div><\/div>\n<div class=\"col-md-12 col-sm-12 col-xs-12 pt-cv-content-item pt-cv-1-col\" ><div class='pt-cv-ifield'><a href=\"https:\/\/www.dmsjuridica.com\/buscador_20179478954\/corteconstitucionalcronologico202454587\/t-929-08\/\" class=\"_self pt-cv-href-thumbnail pt-cv-thumb-default\" target=\"_self\" ><\/a>\n<div class=\"pt-cv-taxoterm above_title\"><a href='https:\/\/www.dmsjuridica.com\/buscador_20179478954\/corteconstitucionalcronologico202454587\/category\/buscar-en-toda-la-corte\/2008\/tutelas-2008\/' title='Tutelas 2008' class='pt-cv-tax-tutelas-2008'>Tutelas 2008<\/a><\/div>\n<h4 class=\"pt-cv-title\"><a href=\"https:\/\/www.dmsjuridica.com\/buscador_20179478954\/corteconstitucionalcronologico202454587\/t-929-08\/\" class=\"_self\" target=\"_self\" >T-929-08<\/a><\/h4>\n<div class=\"pt-cv-content\">\u00a0 \u00a0 Sentencia T-929\/08 \u00a0 ACCION DE TUTELA CONTRA PROVIDENCIAS JUDICIALES-Dirigida contra el auto proferido por la Sala Unitaria del Tribunal Superior de Cali sobre la validez y legalidad de unos CDT \u00a0 ACCION DE TUTELA CONTRA PROVIDENCIAS JUDICIALES-Indole del auto proferido por la Sala Unitaria del Tribunal Superior\u00a0 \u00a0 Para esta Sala de Revisi\u00f3n de la Corte Constitucional no resulta viable entender que el Auto de 3 de septiembre de 2007 es una providencia de mero tr\u00e1mite o sustanciaci\u00f3n, porque de los t\u00e9rminos de la solicitud que le dio origen y de su propio texto se desprende que se ...<br \/><div class=\"pt-cv-rmwrap\"><a href=\"https:\/\/www.dmsjuridica.com\/buscador_20179478954\/corteconstitucionalcronologico202454587\/t-929-08\/\" class=\"_self pt-cv-readmore btn btn-success\" target=\"_self\">Ver Sentencia Completa...<\/a><\/div><\/div><\/div><\/div>\n<div class=\"col-md-12 col-sm-12 col-xs-12 pt-cv-content-item pt-cv-1-col\" ><div class='pt-cv-ifield'><a href=\"https:\/\/www.dmsjuridica.com\/buscador_20179478954\/corteconstitucionalcronologico202454587\/t-928-08\/\" class=\"_self pt-cv-href-thumbnail pt-cv-thumb-default\" target=\"_self\" ><\/a>\n<div class=\"pt-cv-taxoterm above_title\"><a href='https:\/\/www.dmsjuridica.com\/buscador_20179478954\/corteconstitucionalcronologico202454587\/category\/buscar-en-toda-la-corte\/2008\/tutelas-2008\/' title='Tutelas 2008' class='pt-cv-tax-tutelas-2008'>Tutelas 2008<\/a><\/div>\n<h4 class=\"pt-cv-title\"><a href=\"https:\/\/www.dmsjuridica.com\/buscador_20179478954\/corteconstitucionalcronologico202454587\/t-928-08\/\" class=\"_self\" target=\"_self\" >T-928-08<\/a><\/h4>\n<div class=\"pt-cv-content\">\u00a0 \u00a0 Sentencia T-928\/08 \u00a0 DERECHO AL PAGO DE INCAPACIDAD LABORAL-Procedencia de tutela cuando afecta m\u00ednimo vital del trabajador y su familia\u00a0 \u00a0 SISTEMA GENERAL DE RIESGOS PROFESIONALES E INCAPACIDADES TEMPORALES-Regulaci\u00f3n normativa y reiteraci\u00f3n de jurisprudencia \u00a0 SISTEMA GENERAL DE RIESGOS PROFESIONALES-Tesis del allanamiento a la mora es aplicable cuando las EPS y ARS se niegan a cancelar a los trabajadores una incapacidad laboral\u00a0 \u00a0 La tesis del allanamiento a la mora era susceptible de aplicaci\u00f3n en cuestiones relacionadas con la negativa de las E.P.S. y A.R.S. a cancelar a los trabajadores incapacidades derivadas de contingencias de origen com\u00fan o ...<br \/><div class=\"pt-cv-rmwrap\"><a href=\"https:\/\/www.dmsjuridica.com\/buscador_20179478954\/corteconstitucionalcronologico202454587\/t-928-08\/\" class=\"_self pt-cv-readmore btn btn-success\" target=\"_self\">Ver Sentencia Completa...<\/a><\/div><\/div><\/div><\/div>\n<div class=\"col-md-12 col-sm-12 col-xs-12 pt-cv-content-item pt-cv-1-col\" ><div class='pt-cv-ifield'><a href=\"https:\/\/www.dmsjuridica.com\/buscador_20179478954\/corteconstitucionalcronologico202454587\/t-927-08\/\" class=\"_self pt-cv-href-thumbnail pt-cv-thumb-default\" target=\"_self\" ><\/a>\n<div class=\"pt-cv-taxoterm above_title\"><a href='https:\/\/www.dmsjuridica.com\/buscador_20179478954\/corteconstitucionalcronologico202454587\/category\/buscar-en-toda-la-corte\/2008\/tutelas-2008\/' title='Tutelas 2008' class='pt-cv-tax-tutelas-2008'>Tutelas 2008<\/a><\/div>\n<h4 class=\"pt-cv-title\"><a href=\"https:\/\/www.dmsjuridica.com\/buscador_20179478954\/corteconstitucionalcronologico202454587\/t-927-08\/\" class=\"_self\" target=\"_self\" >T-927-08<\/a><\/h4>\n<div class=\"pt-cv-content\">ACCION DE TUTELA-Jard\u00edn infantil Piloto INEM no permit\u00eda la matr\u00edcula de ni\u00f1os menores de cinco a\u00f1os por falta de recursos \u00a0 ACCION DE TUTELA-Hecho superado por cuanto el menor ya se encuentra estudiando en el jard\u00edn infantil Piloto INEM \u00a0 Referencia: expediente T-1.852.580 \u00a0 Accionante: \u00a0 Claudia Marcela Arturo Marcillo en representaci\u00f3n de su menor hijo Oscar Steven Escobar Arturo. \u00a0 Demandado:\u00a0 \u00a0 Ministerio de Educaci\u00f3n Nacional \u00a0 Magistrado Ponente: \u00a0 Dr. RODRIGO ESCOBAR GIL \u00a0 Bogot\u00e1 D.C., diecinueve (19) de septiembre de dos mil ocho (2008) \u00a0 La Sala Cuarta de Revisi\u00f3n de la Corte Constitucional, integrada por los ...<br \/><div class=\"pt-cv-rmwrap\"><a href=\"https:\/\/www.dmsjuridica.com\/buscador_20179478954\/corteconstitucionalcronologico202454587\/t-927-08\/\" class=\"_self pt-cv-readmore btn btn-success\" target=\"_self\">Ver Sentencia Completa...<\/a><\/div><\/div><\/div><\/div>\n<div class=\"col-md-12 col-sm-12 col-xs-12 pt-cv-content-item pt-cv-1-col\" ><div class='pt-cv-ifield'><a href=\"https:\/\/www.dmsjuridica.com\/buscador_20179478954\/corteconstitucionalcronologico202454587\/t-926-08\/\" class=\"_self pt-cv-href-thumbnail pt-cv-thumb-default\" target=\"_self\" ><\/a>\n<div class=\"pt-cv-taxoterm above_title\"><a href='https:\/\/www.dmsjuridica.com\/buscador_20179478954\/corteconstitucionalcronologico202454587\/category\/buscar-en-toda-la-corte\/2008\/tutelas-2008\/' title='Tutelas 2008' class='pt-cv-tax-tutelas-2008'>Tutelas 2008<\/a><\/div>\n<h4 class=\"pt-cv-title\"><a href=\"https:\/\/www.dmsjuridica.com\/buscador_20179478954\/corteconstitucionalcronologico202454587\/t-926-08\/\" class=\"_self\" target=\"_self\" >T-926-08<\/a><\/h4>\n<div class=\"pt-cv-content\">\u00a0 \u00a0 Sentencia T-926\/08 \u00a0 ACCION DE TUTELA-Controversias entre entidades responsables del pago de pensiones no pueden afectar al titular del derecho \u00a0 ACCION DE TUTELA-Conflicto negativo de competencias entre el Seguro Social y el Fondo de Pensiones de Bogot\u00e1 para el reconocimiento de la pensi\u00f3n del actor \u00a0 ACCION DE TUTELA-Hecho superado por cuanto la pensi\u00f3n del actor ya le fue reconocida dentro de un proceso ordinario laboral \u00a0 DERECHO A LA PENSION DE JUBILACION-Vulneraci\u00f3n por el incumplimiento \u00a0por parte de los funcionarios p\u00fablicos de acudir a los medios legales previstos para solucionar el conflicto negativo de competencias\u00a0 \u00a0 ...<br \/><div class=\"pt-cv-rmwrap\"><a href=\"https:\/\/www.dmsjuridica.com\/buscador_20179478954\/corteconstitucionalcronologico202454587\/t-926-08\/\" class=\"_self pt-cv-readmore btn btn-success\" target=\"_self\">Ver Sentencia Completa...<\/a><\/div><\/div><\/div><\/div>\n<div class=\"col-md-12 col-sm-12 col-xs-12 pt-cv-content-item pt-cv-1-col\" ><div class='pt-cv-ifield'><a href=\"https:\/\/www.dmsjuridica.com\/buscador_20179478954\/corteconstitucionalcronologico202454587\/t-925-08\/\" class=\"_self pt-cv-href-thumbnail pt-cv-thumb-default\" target=\"_self\" ><\/a>\n<div class=\"pt-cv-taxoterm above_title\"><a href='https:\/\/www.dmsjuridica.com\/buscador_20179478954\/corteconstitucionalcronologico202454587\/category\/buscar-en-toda-la-corte\/2008\/tutelas-2008\/' title='Tutelas 2008' class='pt-cv-tax-tutelas-2008'>Tutelas 2008<\/a><\/div>\n<h4 class=\"pt-cv-title\"><a href=\"https:\/\/www.dmsjuridica.com\/buscador_20179478954\/corteconstitucionalcronologico202454587\/t-925-08\/\" class=\"_self\" target=\"_self\" >T-925-08<\/a><\/h4>\n<div class=\"pt-cv-content\">\u00a0 \u00a0 SENTENCIA T-925\/08 \u00a0 (Bogot\u00e1 D.C., septiembre 18) \u00a0 ACCION DE TUTELA CONTRA PROVIDENCIAS JUDICIALES-Reiteraci\u00f3n de jurisprudencia sobre las causales de procedibilidad \u00a0 ACCION DE TUTELA CONTRA PROVIDENCIAS JUDICIALES-Defecto sustantivo por desconocimiento del precedente \u00a0 DEBIDO PROCESO-Alcance y contenido \u00a0 PRECEDENTE JURISPRUDENCIAL-No es posible aplicar la sentencia T-516 de 2003 al caso sub judice, porque no hay semejanza en los hechos y el derecho \u00a0 MEDIO DE DEFENSA JUDICIAL-Los actores no utilizaron las oportunidades procesales para solicitar la declaraci\u00f3n de solidaridad entre ELECTROMAG y ELECTRICARIBE \u00a0 ACCION DE TUTELA CONTRA PROVIDENCIAS JUDICIALES-Improcedencia porque no se desconocieron las normas sobre ...<br \/><div class=\"pt-cv-rmwrap\"><a href=\"https:\/\/www.dmsjuridica.com\/buscador_20179478954\/corteconstitucionalcronologico202454587\/t-925-08\/\" class=\"_self pt-cv-readmore btn btn-success\" target=\"_self\">Ver Sentencia Completa...<\/a><\/div><\/div><\/div><\/div>\n<div class=\"col-md-12 col-sm-12 col-xs-12 pt-cv-content-item pt-cv-1-col\" ><div class='pt-cv-ifield'><a href=\"https:\/\/www.dmsjuridica.com\/buscador_20179478954\/corteconstitucionalcronologico202454587\/t-924-08\/\" class=\"_self pt-cv-href-thumbnail pt-cv-thumb-default\" target=\"_self\" ><\/a>\n<div class=\"pt-cv-taxoterm above_title\"><a href='https:\/\/www.dmsjuridica.com\/buscador_20179478954\/corteconstitucionalcronologico202454587\/category\/buscar-en-toda-la-corte\/2008\/tutelas-2008\/' title='Tutelas 2008' class='pt-cv-tax-tutelas-2008'>Tutelas 2008<\/a><\/div>\n<h4 class=\"pt-cv-title\"><a href=\"https:\/\/www.dmsjuridica.com\/buscador_20179478954\/corteconstitucionalcronologico202454587\/t-924-08\/\" class=\"_self\" target=\"_self\" >T-924-08<\/a><\/h4>\n<div class=\"pt-cv-content\">\u00a0 \u00a0 SENTENCIA T-924\/08 \u00a0 (Bogot\u00e1 D.C., Septiembre 18) \u00a0 PLAN COMPLEMENTARIO DE SALUD DE PENSIONADOS DE TELECOM-Antecedentes jurisprudenciales donde se han estudiado asuntos sobre el mismo contenido f\u00e1ctico e identidad de sujetos procesales \u00a0 PLAN COMPLEMENTARIO DE SALUD DE PENSIONADOS DE TELECOM-No se est\u00e1 causando un perjuicio irremediable con la suspensi\u00f3n de los m\u00f3dulos de salud que el actor reclama \u00a0por la liquidaci\u00f3n de la empresa \u00a0 ACCION DE TUTELA-Improcedencia porque no se cumple condiciones de procedibilidad en relaci\u00f3n con Plan Complementario de Salud de Pensionados de TELECOM\u00a0 \u00a0 \u00a0 Referencia: Expediente T-1.911.657\u00a0 \u00a0 Accionante: Jorge Eli\u00e9cer Remolina \u00c1lvarez ...<br \/><div class=\"pt-cv-rmwrap\"><a href=\"https:\/\/www.dmsjuridica.com\/buscador_20179478954\/corteconstitucionalcronologico202454587\/t-924-08\/\" class=\"_self pt-cv-readmore btn btn-success\" target=\"_self\">Ver Sentencia Completa...<\/a><\/div><\/div><\/div><\/div>\n<div class=\"col-md-12 col-sm-12 col-xs-12 pt-cv-content-item pt-cv-1-col\" ><div class='pt-cv-ifield'><a href=\"https:\/\/www.dmsjuridica.com\/buscador_20179478954\/corteconstitucionalcronologico202454587\/t-923-08\/\" class=\"_self pt-cv-href-thumbnail pt-cv-thumb-default\" target=\"_self\" ><\/a>\n<div class=\"pt-cv-taxoterm above_title\"><a href='https:\/\/www.dmsjuridica.com\/buscador_20179478954\/corteconstitucionalcronologico202454587\/category\/buscar-en-toda-la-corte\/2008\/tutelas-2008\/' title='Tutelas 2008' class='pt-cv-tax-tutelas-2008'>Tutelas 2008<\/a><\/div>\n<h4 class=\"pt-cv-title\"><a href=\"https:\/\/www.dmsjuridica.com\/buscador_20179478954\/corteconstitucionalcronologico202454587\/t-923-08\/\" class=\"_self\" target=\"_self\" >T-923-08<\/a><\/h4>\n<div class=\"pt-cv-content\">\u00a0 \u00a0 SENTENCIA T-923\/08 \u00a0 (Bogot\u00e1 DC, septiembre 18) \u00a0 DERECHO A LA SEGURIDAD SOCIAL EN MATERIA PENSIONAL-Alcance \u00a0 ACCION DE TUTELA-Procedencia excepcional para reconocimiento y reliquidaci\u00f3n de pensiones \u00a0 PENSION DE VEJEZ-Inoponibilidad de mora patronal \u00a0 PENSION DE VEJEZ-La omisi\u00f3n del Seguro Social en el cobro de los aportes por mora del empleador, no es raz\u00f3n v\u00e1lida para no otorgar el derecho \u00a0 Referencia: Expediente T- 1.880.880\u00a0 \u00a0 Accionante: Germ\u00e1n Cartagena Forero\u00a0 \u00a0 \u00a0 \u00a0 \u00a0 \u00a0 Accionado: Instituto de los Seguros Sociales- Seccional Cundinamarca\u00a0 \u00a0 Fallo de tutela objeto de revisi\u00f3n: Sentencia de la Sala Civil del H ...<br \/><div class=\"pt-cv-rmwrap\"><a href=\"https:\/\/www.dmsjuridica.com\/buscador_20179478954\/corteconstitucionalcronologico202454587\/t-923-08\/\" class=\"_self pt-cv-readmore btn btn-success\" target=\"_self\">Ver Sentencia Completa...<\/a><\/div><\/div><\/div><\/div>\n<div class=\"col-md-12 col-sm-12 col-xs-12 pt-cv-content-item pt-cv-1-col\" ><div class='pt-cv-ifield'><a href=\"https:\/\/www.dmsjuridica.com\/buscador_20179478954\/corteconstitucionalcronologico202454587\/t-922-08\/\" class=\"_self pt-cv-href-thumbnail pt-cv-thumb-default\" target=\"_self\" ><\/a>\n<div class=\"pt-cv-taxoterm above_title\"><a href='https:\/\/www.dmsjuridica.com\/buscador_20179478954\/corteconstitucionalcronologico202454587\/category\/buscar-en-toda-la-corte\/2008\/tutelas-2008\/' title='Tutelas 2008' class='pt-cv-tax-tutelas-2008'>Tutelas 2008<\/a><\/div>\n<h4 class=\"pt-cv-title\"><a href=\"https:\/\/www.dmsjuridica.com\/buscador_20179478954\/corteconstitucionalcronologico202454587\/t-922-08\/\" class=\"_self\" target=\"_self\" >T-922-08<\/a><\/h4>\n<div class=\"pt-cv-content\"> ...<br \/><div class=\"pt-cv-rmwrap\"><a href=\"https:\/\/www.dmsjuridica.com\/buscador_20179478954\/corteconstitucionalcronologico202454587\/t-922-08\/\" class=\"_self pt-cv-readmore btn btn-success\" target=\"_self\">Ver Sentencia Completa...<\/a><\/div><\/div><\/div><\/div>\n<div class=\"col-md-12 col-sm-12 col-xs-12 pt-cv-content-item pt-cv-1-col\" ><div class='pt-cv-ifield'><a href=\"https:\/\/www.dmsjuridica.com\/buscador_20179478954\/corteconstitucionalcronologico202454587\/t-921-08\/\" class=\"_self pt-cv-href-thumbnail pt-cv-thumb-default\" target=\"_self\" ><\/a>\n<div class=\"pt-cv-taxoterm above_title\"><a href='https:\/\/www.dmsjuridica.com\/buscador_20179478954\/corteconstitucionalcronologico202454587\/category\/buscar-en-toda-la-corte\/2008\/tutelas-2008\/' title='Tutelas 2008' class='pt-cv-tax-tutelas-2008'>Tutelas 2008<\/a><\/div>\n<h4 class=\"pt-cv-title\"><a href=\"https:\/\/www.dmsjuridica.com\/buscador_20179478954\/corteconstitucionalcronologico202454587\/t-921-08\/\" class=\"_self\" target=\"_self\" >T-921-08<\/a><\/h4>\n<div class=\"pt-cv-content\">\u00a0 \u00a0 Sentencia T-921\/08 \u00a0 DERECHO A LA SALUD-L\u00ednea jurisprudencial sobre su fundamentalidad \u00a0 DERECHO A LA SALUD-Acceso a los servicios excluidos del POS\/INAPLICACION DE NORMAS DEL PLAN OBLIGATORIO DE SALUD-Subreglas sobre los requisitos para acceder a tratamientos y medicamentos excluidos del POS \u00a0 DERECHO A LA SALUD Y A LA VIDA DIGNA DEL MENOR-Autorizaci\u00f3n de tratamiento de ortodoncia y cirug\u00eda maxilofacial excluida del POS y que no tiene fines est\u00e9ticos \u00a0 DERECHO A LA SALUD Y A LA VIDA DIGNA DEL MENOR-Tratamiento de ortodoncia y cirug\u00eda maxilofacial y repetici\u00f3n contra el Fosyga por el 50% de los gastos \u00a0 ...<br \/><div class=\"pt-cv-rmwrap\"><a href=\"https:\/\/www.dmsjuridica.com\/buscador_20179478954\/corteconstitucionalcronologico202454587\/t-921-08\/\" class=\"_self pt-cv-readmore btn btn-success\" target=\"_self\">Ver Sentencia Completa...<\/a><\/div><\/div><\/div><\/div>\n<div class=\"col-md-12 col-sm-12 col-xs-12 pt-cv-content-item pt-cv-1-col\" ><div class='pt-cv-ifield'><a href=\"https:\/\/www.dmsjuridica.com\/buscador_20179478954\/corteconstitucionalcronologico202454587\/t-920-08\/\" class=\"_self pt-cv-href-thumbnail pt-cv-thumb-default\" target=\"_self\" ><\/a>\n<div class=\"pt-cv-taxoterm above_title\"><a href='https:\/\/www.dmsjuridica.com\/buscador_20179478954\/corteconstitucionalcronologico202454587\/category\/buscar-en-toda-la-corte\/2008\/tutelas-2008\/' title='Tutelas 2008' class='pt-cv-tax-tutelas-2008'>Tutelas 2008<\/a><\/div>\n<h4 class=\"pt-cv-title\"><a href=\"https:\/\/www.dmsjuridica.com\/buscador_20179478954\/corteconstitucionalcronologico202454587\/t-920-08\/\" class=\"_self\" target=\"_self\" >T-920-08<\/a><\/h4>\n<div class=\"pt-cv-content\">\u00a0 \u00a0 Sentencia T-920\/08 \u00a0 DERECHO DE PETICION-Alcance y contenido \u00a0 DERECHO DE PETICION-Condiciones para acceder a copias ante una autoridad jurisdiccional\u00a0 \u00a0 En lo que se refiere espec\u00edficamente a las condiciones para acceder a las copias ante una autoridad jurisdiccional, deben distinguirse dos situaciones: la primera se presenta cuando en ejercicio del derecho de petici\u00f3n se requieren asuntos que est\u00e1n vinculados de manera estricta a la funci\u00f3n judicial y, la segunda, cuando ella versa sobre aspectos de car\u00e1cter meramente administrativo. \u00a0En el primer evento estas solicitudes encuentran sus l\u00edmites en las reglas de las formas propias de cada juicio ...<br \/><div class=\"pt-cv-rmwrap\"><a href=\"https:\/\/www.dmsjuridica.com\/buscador_20179478954\/corteconstitucionalcronologico202454587\/t-920-08\/\" class=\"_self pt-cv-readmore btn btn-success\" target=\"_self\">Ver Sentencia Completa...<\/a><\/div><\/div><\/div><\/div>\n<div class=\"col-md-12 col-sm-12 col-xs-12 pt-cv-content-item pt-cv-1-col\" ><div class='pt-cv-ifield'><a href=\"https:\/\/www.dmsjuridica.com\/buscador_20179478954\/corteconstitucionalcronologico202454587\/t-919-08\/\" class=\"_self pt-cv-href-thumbnail pt-cv-thumb-default\" target=\"_self\" ><\/a>\n<div class=\"pt-cv-taxoterm above_title\"><a href='https:\/\/www.dmsjuridica.com\/buscador_20179478954\/corteconstitucionalcronologico202454587\/category\/buscar-en-toda-la-corte\/2008\/tutelas-2008\/' title='Tutelas 2008' class='pt-cv-tax-tutelas-2008'>Tutelas 2008<\/a><\/div>\n<h4 class=\"pt-cv-title\"><a href=\"https:\/\/www.dmsjuridica.com\/buscador_20179478954\/corteconstitucionalcronologico202454587\/t-919-08\/\" class=\"_self\" target=\"_self\" >T-919-08<\/a><\/h4>\n<div class=\"pt-cv-content\"> ...<br \/><div class=\"pt-cv-rmwrap\"><a href=\"https:\/\/www.dmsjuridica.com\/buscador_20179478954\/corteconstitucionalcronologico202454587\/t-919-08\/\" class=\"_self pt-cv-readmore btn btn-success\" target=\"_self\">Ver Sentencia Completa...<\/a><\/div><\/div><\/div><\/div>\n<div class=\"col-md-12 col-sm-12 col-xs-12 pt-cv-content-item pt-cv-1-col\" ><div class='pt-cv-ifield'><a href=\"https:\/\/www.dmsjuridica.com\/buscador_20179478954\/corteconstitucionalcronologico202454587\/t-918-08\/\" class=\"_self pt-cv-href-thumbnail pt-cv-thumb-default\" target=\"_self\" ><\/a>\n<div class=\"pt-cv-taxoterm above_title\"><a href='https:\/\/www.dmsjuridica.com\/buscador_20179478954\/corteconstitucionalcronologico202454587\/category\/buscar-en-toda-la-corte\/2008\/tutelas-2008\/' title='Tutelas 2008' class='pt-cv-tax-tutelas-2008'>Tutelas 2008<\/a><\/div>\n<h4 class=\"pt-cv-title\"><a href=\"https:\/\/www.dmsjuridica.com\/buscador_20179478954\/corteconstitucionalcronologico202454587\/t-918-08\/\" class=\"_self\" target=\"_self\" >T-918-08<\/a><\/h4>\n<div class=\"pt-cv-content\"> ...<br \/><div class=\"pt-cv-rmwrap\"><a href=\"https:\/\/www.dmsjuridica.com\/buscador_20179478954\/corteconstitucionalcronologico202454587\/t-918-08\/\" class=\"_self pt-cv-readmore btn btn-success\" target=\"_self\">Ver Sentencia Completa...<\/a><\/div><\/div><\/div><\/div>\n<div class=\"col-md-12 col-sm-12 col-xs-12 pt-cv-content-item pt-cv-1-col\" ><div class='pt-cv-ifield'><a href=\"https:\/\/www.dmsjuridica.com\/buscador_20179478954\/corteconstitucionalcronologico202454587\/t-917-08\/\" class=\"_self pt-cv-href-thumbnail pt-cv-thumb-default\" target=\"_self\" ><\/a>\n<div class=\"pt-cv-taxoterm above_title\"><a href='https:\/\/www.dmsjuridica.com\/buscador_20179478954\/corteconstitucionalcronologico202454587\/category\/buscar-en-toda-la-corte\/2008\/tutelas-2008\/' title='Tutelas 2008' class='pt-cv-tax-tutelas-2008'>Tutelas 2008<\/a><\/div>\n<h4 class=\"pt-cv-title\"><a href=\"https:\/\/www.dmsjuridica.com\/buscador_20179478954\/corteconstitucionalcronologico202454587\/t-917-08\/\" class=\"_self\" target=\"_self\" >T-917-08<\/a><\/h4>\n<div class=\"pt-cv-content\">\u00a0 \u00a0 Sentencia T-917\/08 \u00a0 ACCION DE TUTELA TRANSITORIA-Reiteraci\u00f3n de jurisprudencia\/PERJUICIO IRREMEDIABLE-Requisitos \u00a0 DEBIDO PROCESO ADMINISTRATIVO-Definici\u00f3n \u00a0 PRINCIPIO DE LEGALIDAD Y DEBIDO PROCESO-Alcance \u00a0 PROCESO DE COBRO COACTIVO-Regulaci\u00f3n \u00a0 PROCESO DE COBRO COACTIVO-Vinculaci\u00f3n del deudor solidario \u00a0 DERECHO DE DEFENSA-Vulneraci\u00f3n por no haber sido vinculado el actor al proceso de determinaci\u00f3n fiscal, pero si al proceso de cobro coactivo \u00a0 DEBIDO PROCESO-Vulneraci\u00f3n por la Administraci\u00f3n de Impuestos Nacionales \u00a0 ACCION DE TUTELA TRANSITORIA-Orden a la DIAN para levantar las medidas cautelares sobre los bienes del actor como consecuencia del proceso de cobro coactivo adelantado contra \u00e9l \u00a0 Referencia: expediente T-1886186 ...<br \/><div class=\"pt-cv-rmwrap\"><a href=\"https:\/\/www.dmsjuridica.com\/buscador_20179478954\/corteconstitucionalcronologico202454587\/t-917-08\/\" class=\"_self pt-cv-readmore btn btn-success\" target=\"_self\">Ver Sentencia Completa...<\/a><\/div><\/div><\/div><\/div>\n<div class=\"col-md-12 col-sm-12 col-xs-12 pt-cv-content-item pt-cv-1-col\" ><div class='pt-cv-ifield'><a href=\"https:\/\/www.dmsjuridica.com\/buscador_20179478954\/corteconstitucionalcronologico202454587\/t-916-08\/\" class=\"_self pt-cv-href-thumbnail pt-cv-thumb-default\" target=\"_self\" ><\/a>\n<div class=\"pt-cv-taxoterm above_title\"><a href='https:\/\/www.dmsjuridica.com\/buscador_20179478954\/corteconstitucionalcronologico202454587\/category\/buscar-en-toda-la-corte\/2008\/tutelas-2008\/' title='Tutelas 2008' class='pt-cv-tax-tutelas-2008'>Tutelas 2008<\/a><\/div>\n<h4 class=\"pt-cv-title\"><a href=\"https:\/\/www.dmsjuridica.com\/buscador_20179478954\/corteconstitucionalcronologico202454587\/t-916-08\/\" class=\"_self\" target=\"_self\" >T-916-08<\/a><\/h4>\n<div class=\"pt-cv-content\">\u00a0 \u00a0 Sentencia T-916\/08 \u00a0 ACCION DE TUTELA CONTRA PROVIDENCIAS JUDICIALES-Procedencia excepcional\/ACCION DE TUTELA CONTRA PROVIDENCIAS JUDICIALES-Requisitos generales y especiales de procedibilidad \u00a0 DEFECTO FACTICO-Reiteraci\u00f3n de jurisprudencia \u00a0 DEFECTO FACTICO-Configuraci\u00f3n de una v\u00eda de hecho cuando una prueba se ha obtenido con violaci\u00f3n del debido proceso, dentro de un proceso judicial \u00a0 REGLA DE EXCLUSION EN MATERIA PROBATORIA-Alcance y \u00e1mbito de aplicaci\u00f3n \u00a0 PRUEBA ILEGAL Y PRUEBA INCONSTITUCIONAL-Diferencias\u00a0 \u00a0 Ha dispuesto una distinci\u00f3n entre la prueba ilegal, entendida como aquella que afecta el debido proceso desde el punto de vista procesal formal (incompatibilidad con las formas propias de cada juicio), ...<br \/><div class=\"pt-cv-rmwrap\"><a href=\"https:\/\/www.dmsjuridica.com\/buscador_20179478954\/corteconstitucionalcronologico202454587\/t-916-08\/\" class=\"_self pt-cv-readmore btn btn-success\" target=\"_self\">Ver Sentencia Completa...<\/a><\/div><\/div><\/div><\/div>\n<div class=\"col-md-12 col-sm-12 col-xs-12 pt-cv-content-item pt-cv-1-col\" ><div class='pt-cv-ifield'><a href=\"https:\/\/www.dmsjuridica.com\/buscador_20179478954\/corteconstitucionalcronologico202454587\/t-915-08\/\" class=\"_self pt-cv-href-thumbnail pt-cv-thumb-default\" target=\"_self\" ><\/a>\n<div class=\"pt-cv-taxoterm above_title\"><a href='https:\/\/www.dmsjuridica.com\/buscador_20179478954\/corteconstitucionalcronologico202454587\/category\/buscar-en-toda-la-corte\/2008\/tutelas-2008\/' title='Tutelas 2008' class='pt-cv-tax-tutelas-2008'>Tutelas 2008<\/a><\/div>\n<h4 class=\"pt-cv-title\"><a href=\"https:\/\/www.dmsjuridica.com\/buscador_20179478954\/corteconstitucionalcronologico202454587\/t-915-08\/\" class=\"_self\" target=\"_self\" >T-915-08<\/a><\/h4>\n<div class=\"pt-cv-content\"> ...<br \/><div class=\"pt-cv-rmwrap\"><a href=\"https:\/\/www.dmsjuridica.com\/buscador_20179478954\/corteconstitucionalcronologico202454587\/t-915-08\/\" class=\"_self pt-cv-readmore btn btn-success\" target=\"_self\">Ver Sentencia Completa...<\/a><\/div><\/div><\/div><\/div>\n<div class=\"col-md-12 col-sm-12 col-xs-12 pt-cv-content-item pt-cv-1-col\" ><div class='pt-cv-ifield'><a href=\"https:\/\/www.dmsjuridica.com\/buscador_20179478954\/corteconstitucionalcronologico202454587\/t-914-08\/\" class=\"_self pt-cv-href-thumbnail pt-cv-thumb-default\" target=\"_self\" ><\/a>\n<div class=\"pt-cv-taxoterm above_title\"><a href='https:\/\/www.dmsjuridica.com\/buscador_20179478954\/corteconstitucionalcronologico202454587\/category\/buscar-en-toda-la-corte\/2008\/tutelas-2008\/' title='Tutelas 2008' class='pt-cv-tax-tutelas-2008'>Tutelas 2008<\/a><\/div>\n<h4 class=\"pt-cv-title\"><a href=\"https:\/\/www.dmsjuridica.com\/buscador_20179478954\/corteconstitucionalcronologico202454587\/t-914-08\/\" class=\"_self\" target=\"_self\" >T-914-08<\/a><\/h4>\n<div class=\"pt-cv-content\">\u00a0 \u00a0 Sentencia T-914\/08 \u00a0 DERECHO A LA SALUD-Autorizaci\u00f3n de cirug\u00eda bari\u00e1trica por empresa de medicina prepagada \u00a0 ACCION DE TUTELA-Hecho superado por cuanto la cirug\u00eda bari\u00e1trica ya le fue realizada al peticionario \u00a0 Referencia: expediente T-1.967.200 \u00a0 Acci\u00f3n de tutela instaurada por Julio C\u00e9sar Campo Ceballos en contra de la Compa\u00f1\u00eda de Seguros Bol\u00edvar S.A.\u00a0 \u00a0 Magistrado Ponente:\u00a0 \u00a0 Dr. JAIME C\u00d3RDOBA TRIVI\u00d1O \u00a0 Bogot\u00e1, DC., dieciocho (18) de septiembre de dos mil ocho (2008). \u00a0 La Sala Tercera de Revisi\u00f3n de la Corte Constitucional, integrada por los magistrados Jaime C\u00f3rdoba Trivi\u00f1o, Rodrigo Escobar Gil y Mauricio Gonz\u00e1lez Cuervo, ...<br \/><div class=\"pt-cv-rmwrap\"><a href=\"https:\/\/www.dmsjuridica.com\/buscador_20179478954\/corteconstitucionalcronologico202454587\/t-914-08\/\" class=\"_self pt-cv-readmore btn btn-success\" target=\"_self\">Ver Sentencia Completa...<\/a><\/div><\/div><\/div><\/div>\n<div class=\"col-md-12 col-sm-12 col-xs-12 pt-cv-content-item pt-cv-1-col\" ><div class='pt-cv-ifield'><a href=\"https:\/\/www.dmsjuridica.com\/buscador_20179478954\/corteconstitucionalcronologico202454587\/t-913-08\/\" class=\"_self pt-cv-href-thumbnail pt-cv-thumb-default\" target=\"_self\" ><\/a>\n<div class=\"pt-cv-taxoterm above_title\"><a href='https:\/\/www.dmsjuridica.com\/buscador_20179478954\/corteconstitucionalcronologico202454587\/category\/buscar-en-toda-la-corte\/2008\/tutelas-2008\/' title='Tutelas 2008' class='pt-cv-tax-tutelas-2008'>Tutelas 2008<\/a><\/div>\n<h4 class=\"pt-cv-title\"><a href=\"https:\/\/www.dmsjuridica.com\/buscador_20179478954\/corteconstitucionalcronologico202454587\/t-913-08\/\" class=\"_self\" target=\"_self\" >T-913-08<\/a><\/h4>\n<div class=\"pt-cv-content\"> ...<br \/><div class=\"pt-cv-rmwrap\"><a href=\"https:\/\/www.dmsjuridica.com\/buscador_20179478954\/corteconstitucionalcronologico202454587\/t-913-08\/\" class=\"_self pt-cv-readmore btn btn-success\" target=\"_self\">Ver Sentencia Completa...<\/a><\/div><\/div><\/div><\/div>\n<div class=\"col-md-12 col-sm-12 col-xs-12 pt-cv-content-item pt-cv-1-col\" ><div class='pt-cv-ifield'><a href=\"https:\/\/www.dmsjuridica.com\/buscador_20179478954\/corteconstitucionalcronologico202454587\/t-912-08\/\" class=\"_self pt-cv-href-thumbnail pt-cv-thumb-default\" target=\"_self\" ><\/a>\n<div class=\"pt-cv-taxoterm above_title\"><a href='https:\/\/www.dmsjuridica.com\/buscador_20179478954\/corteconstitucionalcronologico202454587\/category\/buscar-en-toda-la-corte\/2008\/tutelas-2008\/' title='Tutelas 2008' class='pt-cv-tax-tutelas-2008'>Tutelas 2008<\/a><\/div>\n<h4 class=\"pt-cv-title\"><a href=\"https:\/\/www.dmsjuridica.com\/buscador_20179478954\/corteconstitucionalcronologico202454587\/t-912-08\/\" class=\"_self\" target=\"_self\" >T-912-08<\/a><\/h4>\n<div class=\"pt-cv-content\">\u00a0 \u00a0 Sentencia T-912\/08 \u00a0 HERMAFRODITISMO-L\u00ednea jurisprudencial sobre los requisitos del consentimiento sustituto informado de los padres para las cirug\u00edas de asignaci\u00f3n de sexo y remodelaci\u00f3n genital \u00a0 MENOR HERMAFRODITA-No es leg\u00edtimo el consentimiento sustituto de los padres debido a que el ni\u00f1o ya ha superado el umbral cr\u00edtico de la identificaci\u00f3n de g\u00e9nero\u00a0 \u00a0 Una vez revisado el expediente y sintetizadas las reglas jurisprudenciales confirmar\u00e1 la decisi\u00f3n de los jueces de tutela. Lo anterior, en raz\u00f3n a que en este caso est\u00e1 demostrado que el ni\u00f1o hermafrodita ya ha superado el umbral cr\u00edtico de la identificaci\u00f3n de g\u00e9nero y ...<br \/><div class=\"pt-cv-rmwrap\"><a href=\"https:\/\/www.dmsjuridica.com\/buscador_20179478954\/corteconstitucionalcronologico202454587\/t-912-08\/\" class=\"_self pt-cv-readmore btn btn-success\" target=\"_self\">Ver Sentencia Completa...<\/a><\/div><\/div><\/div><\/div>\n<div class=\"col-md-12 col-sm-12 col-xs-12 pt-cv-content-item pt-cv-1-col\" ><div class='pt-cv-ifield'><a href=\"https:\/\/www.dmsjuridica.com\/buscador_20179478954\/corteconstitucionalcronologico202454587\/t-911-08\/\" class=\"_self pt-cv-href-thumbnail pt-cv-thumb-default\" target=\"_self\" ><\/a>\n<div class=\"pt-cv-taxoterm above_title\"><a href='https:\/\/www.dmsjuridica.com\/buscador_20179478954\/corteconstitucionalcronologico202454587\/category\/buscar-en-toda-la-corte\/2008\/tutelas-2008\/' title='Tutelas 2008' class='pt-cv-tax-tutelas-2008'>Tutelas 2008<\/a><\/div>\n<h4 class=\"pt-cv-title\"><a href=\"https:\/\/www.dmsjuridica.com\/buscador_20179478954\/corteconstitucionalcronologico202454587\/t-911-08\/\" class=\"_self\" target=\"_self\" >T-911-08<\/a><\/h4>\n<div class=\"pt-cv-content\">\u00a0 \u00a0 Sentencia T-911\/08 \u00a0 INDEXACION DE LA PRIMERA MESADA PENSIONAL-Reiteraci\u00f3n de jurisprudencia \u00a0 DERECHO A MANTENER EL PODER ADQUISITIVO DE LAS PENSIONES-Reiteraci\u00f3n de jurisprudencia \u00a0 INDEXACION DE LA PRIMERA MESADA PENSIONAL-Precedente constitucional fijado en la C-891A de 2006 \u00a0 ACCION DE TUTELA-Procedencia debido a que se encuentran acreditados los requisitos para amparar el mantenimiento del poder adquisitivo de la mesada pensional\u00a0 \u00a0 Referencia: expediente T-1925348 \u00a0 Acci\u00f3n de tutela instaurada por Luis Fernando Torres Redondo y otros contra Alcalis de Colombia Ltda en Liquidaci\u00f3n, el Juzgado S\u00e9ptimo Laboral del Circuito de Bogot\u00e1 y el Tribunal Superior de Bogot\u00e1 \u2013 ...<br \/><div class=\"pt-cv-rmwrap\"><a href=\"https:\/\/www.dmsjuridica.com\/buscador_20179478954\/corteconstitucionalcronologico202454587\/t-911-08\/\" class=\"_self pt-cv-readmore btn btn-success\" target=\"_self\">Ver Sentencia Completa...<\/a><\/div><\/div><\/div><\/div>\n<div class=\"col-md-12 col-sm-12 col-xs-12 pt-cv-content-item pt-cv-1-col\" ><div class='pt-cv-ifield'><a href=\"https:\/\/www.dmsjuridica.com\/buscador_20179478954\/corteconstitucionalcronologico202454587\/t-910-08\/\" class=\"_self pt-cv-href-thumbnail pt-cv-thumb-default\" target=\"_self\" ><\/a>\n<div class=\"pt-cv-taxoterm above_title\"><a href='https:\/\/www.dmsjuridica.com\/buscador_20179478954\/corteconstitucionalcronologico202454587\/category\/buscar-en-toda-la-corte\/2008\/tutelas-2008\/' title='Tutelas 2008' class='pt-cv-tax-tutelas-2008'>Tutelas 2008<\/a><\/div>\n<h4 class=\"pt-cv-title\"><a href=\"https:\/\/www.dmsjuridica.com\/buscador_20179478954\/corteconstitucionalcronologico202454587\/t-910-08\/\" class=\"_self\" target=\"_self\" >T-910-08<\/a><\/h4>\n<div class=\"pt-cv-content\"> ...<br \/><div class=\"pt-cv-rmwrap\"><a href=\"https:\/\/www.dmsjuridica.com\/buscador_20179478954\/corteconstitucionalcronologico202454587\/t-910-08\/\" class=\"_self pt-cv-readmore btn btn-success\" target=\"_self\">Ver Sentencia Completa...<\/a><\/div><\/div><\/div><\/div>\n<div class=\"col-md-12 col-sm-12 col-xs-12 pt-cv-content-item pt-cv-1-col\" ><div class='pt-cv-ifield'><a href=\"https:\/\/www.dmsjuridica.com\/buscador_20179478954\/corteconstitucionalcronologico202454587\/t-908-08\/\" class=\"_self pt-cv-href-thumbnail pt-cv-thumb-default\" target=\"_self\" ><\/a>\n<div class=\"pt-cv-taxoterm above_title\"><a href='https:\/\/www.dmsjuridica.com\/buscador_20179478954\/corteconstitucionalcronologico202454587\/category\/buscar-en-toda-la-corte\/2008\/tutelas-2008\/' title='Tutelas 2008' class='pt-cv-tax-tutelas-2008'>Tutelas 2008<\/a><\/div>\n<h4 class=\"pt-cv-title\"><a href=\"https:\/\/www.dmsjuridica.com\/buscador_20179478954\/corteconstitucionalcronologico202454587\/t-908-08\/\" class=\"_self\" target=\"_self\" >T-908-08<\/a><\/h4>\n<div class=\"pt-cv-content\">\u00a0 \u00a0 Sentencia T-908\/08 \u00a0 ACCION DE TUTELA CONTRA PROVIDENCIAS JUDICIALES-Reiteraci\u00f3n de jurisprudencia \u00a0 INDEXACION DE LA PRIMERA MESADA PENSIONAL-Reiteraci\u00f3n de jurisprudencia \u00a0 INDEXACION DE LA PRIMERA MESADA PENSIONAL-Reconocimiento a trav\u00e9s de tutela \u00a0 Referencia: expedientes T-1877573 y T-1922174 (acumulados) \u00a0 Acciones de tutela presentadas por Hernando \u00a0Pulecio Arteaga y Pedro Jos\u00e9 Pati\u00f1o Cu\u00e9llar. \u00a0 Procedencia: Consejo Superior de la Judicatura y Corte Suprema de Justicia. \u00a0 Accionados: Sala de Casaci\u00f3n Laboral de la Corte Suprema de Justicia y otros. \u00a0 \u00a0 \u00a0 Magistrado Ponente:\u00a0 \u00a0 Dr. NILSON PINILLA PINILLA \u00a0 Bogot\u00e1 D.C, diecisiete (17) de septiembre de dos mil ...<br \/><div class=\"pt-cv-rmwrap\"><a href=\"https:\/\/www.dmsjuridica.com\/buscador_20179478954\/corteconstitucionalcronologico202454587\/t-908-08\/\" class=\"_self pt-cv-readmore btn btn-success\" target=\"_self\">Ver Sentencia Completa...<\/a><\/div><\/div><\/div><\/div>\n<div class=\"col-md-12 col-sm-12 col-xs-12 pt-cv-content-item pt-cv-1-col\" ><div class='pt-cv-ifield'><a href=\"https:\/\/www.dmsjuridica.com\/buscador_20179478954\/corteconstitucionalcronologico202454587\/t-907-08\/\" class=\"_self pt-cv-href-thumbnail pt-cv-thumb-default\" target=\"_self\" ><\/a>\n<div class=\"pt-cv-taxoterm above_title\"><a href='https:\/\/www.dmsjuridica.com\/buscador_20179478954\/corteconstitucionalcronologico202454587\/category\/buscar-en-toda-la-corte\/2008\/tutelas-2008\/' title='Tutelas 2008' class='pt-cv-tax-tutelas-2008'>Tutelas 2008<\/a><\/div>\n<h4 class=\"pt-cv-title\"><a href=\"https:\/\/www.dmsjuridica.com\/buscador_20179478954\/corteconstitucionalcronologico202454587\/t-907-08\/\" class=\"_self\" target=\"_self\" >T-907-08<\/a><\/h4>\n<div class=\"pt-cv-content\"> ...<br \/><div class=\"pt-cv-rmwrap\"><a href=\"https:\/\/www.dmsjuridica.com\/buscador_20179478954\/corteconstitucionalcronologico202454587\/t-907-08\/\" class=\"_self pt-cv-readmore btn btn-success\" target=\"_self\">Ver Sentencia Completa...<\/a><\/div><\/div><\/div><\/div>\n<div class=\"col-md-12 col-sm-12 col-xs-12 pt-cv-content-item pt-cv-1-col\" ><div class='pt-cv-ifield'><a href=\"https:\/\/www.dmsjuridica.com\/buscador_20179478954\/corteconstitucionalcronologico202454587\/t-906-08\/\" class=\"_self pt-cv-href-thumbnail pt-cv-thumb-default\" target=\"_self\" ><\/a>\n<div class=\"pt-cv-taxoterm above_title\"><a href='https:\/\/www.dmsjuridica.com\/buscador_20179478954\/corteconstitucionalcronologico202454587\/category\/buscar-en-toda-la-corte\/2008\/tutelas-2008\/' title='Tutelas 2008' class='pt-cv-tax-tutelas-2008'>Tutelas 2008<\/a><\/div>\n<h4 class=\"pt-cv-title\"><a href=\"https:\/\/www.dmsjuridica.com\/buscador_20179478954\/corteconstitucionalcronologico202454587\/t-906-08\/\" class=\"_self\" target=\"_self\" >T-906-08<\/a><\/h4>\n<div class=\"pt-cv-content\">\u00a0 \u00a0 \u00a0 \u00a0 Sentencia T-906\/08 \u00a0 DERECHO A LA VIDA-No solo conlleva la subsistencia biol\u00f3gica, sino el reconocimiento de una existencia digna\u00a0 \u00a0 DERECHO A LA VIDA DIGNA-Autorizaci\u00f3n por la EPS \u00a0del suministro de la pr\u00f3tesis del brazo y mano derecha del actor, la cirug\u00eda respectiva y se le cubra el 100% de los tratamientos y medicamentos que est\u00e9n dentro y fuera del POS \u00a0 Referencia: expediente T- 1912185. \u00a0 Acci\u00f3n de tutela instaurada por Jhon Jairo Salamando Guti\u00e9rrez, contra Salud Total EPS, seccional Manizales.\u00a0 \u00a0 Procedencia: Juzgado 1\u00b0 Penal Municipal con Funciones de Control de Garant\u00edas de Manizales.\u00a0 ...<br \/><div class=\"pt-cv-rmwrap\"><a href=\"https:\/\/www.dmsjuridica.com\/buscador_20179478954\/corteconstitucionalcronologico202454587\/t-906-08\/\" class=\"_self pt-cv-readmore btn btn-success\" target=\"_self\">Ver Sentencia Completa...<\/a><\/div><\/div><\/div><\/div>\n<div class=\"col-md-12 col-sm-12 col-xs-12 pt-cv-content-item pt-cv-1-col\" ><div class='pt-cv-ifield'><a href=\"https:\/\/www.dmsjuridica.com\/buscador_20179478954\/corteconstitucionalcronologico202454587\/t-905-08\/\" class=\"_self pt-cv-href-thumbnail pt-cv-thumb-default\" target=\"_self\" ><\/a>\n<div class=\"pt-cv-taxoterm above_title\"><a href='https:\/\/www.dmsjuridica.com\/buscador_20179478954\/corteconstitucionalcronologico202454587\/category\/buscar-en-toda-la-corte\/2008\/tutelas-2008\/' title='Tutelas 2008' class='pt-cv-tax-tutelas-2008'>Tutelas 2008<\/a><\/div>\n<h4 class=\"pt-cv-title\"><a href=\"https:\/\/www.dmsjuridica.com\/buscador_20179478954\/corteconstitucionalcronologico202454587\/t-905-08\/\" class=\"_self\" target=\"_self\" >T-905-08<\/a><\/h4>\n<div class=\"pt-cv-content\"> ...<br \/><div class=\"pt-cv-rmwrap\"><a href=\"https:\/\/www.dmsjuridica.com\/buscador_20179478954\/corteconstitucionalcronologico202454587\/t-905-08\/\" class=\"_self pt-cv-readmore btn btn-success\" target=\"_self\">Ver Sentencia Completa...<\/a><\/div><\/div><\/div><\/div>\n<div class=\"col-md-12 col-sm-12 col-xs-12 pt-cv-content-item pt-cv-1-col\" ><div class='pt-cv-ifield'><a href=\"https:\/\/www.dmsjuridica.com\/buscador_20179478954\/corteconstitucionalcronologico202454587\/t-900-08\/\" class=\"_self pt-cv-href-thumbnail pt-cv-thumb-default\" target=\"_self\" ><\/a>\n<div class=\"pt-cv-taxoterm above_title\"><a href='https:\/\/www.dmsjuridica.com\/buscador_20179478954\/corteconstitucionalcronologico202454587\/category\/buscar-en-toda-la-corte\/2008\/tutelas-2008\/' title='Tutelas 2008' class='pt-cv-tax-tutelas-2008'>Tutelas 2008<\/a><\/div>\n<h4 class=\"pt-cv-title\"><a href=\"https:\/\/www.dmsjuridica.com\/buscador_20179478954\/corteconstitucionalcronologico202454587\/t-900-08\/\" class=\"_self\" target=\"_self\" >T-900-08<\/a><\/h4>\n<div class=\"pt-cv-content\"> ...<br \/><div class=\"pt-cv-rmwrap\"><a href=\"https:\/\/www.dmsjuridica.com\/buscador_20179478954\/corteconstitucionalcronologico202454587\/t-900-08\/\" class=\"_self pt-cv-readmore btn btn-success\" target=\"_self\">Ver Sentencia Completa...<\/a><\/div><\/div><\/div><\/div>\n<div class=\"col-md-12 col-sm-12 col-xs-12 pt-cv-content-item pt-cv-1-col\" ><div class='pt-cv-ifield'><a href=\"https:\/\/www.dmsjuridica.com\/buscador_20179478954\/corteconstitucionalcronologico202454587\/t-899-08\/\" class=\"_self pt-cv-href-thumbnail pt-cv-thumb-default\" target=\"_self\" ><\/a>\n<div class=\"pt-cv-taxoterm above_title\"><a href='https:\/\/www.dmsjuridica.com\/buscador_20179478954\/corteconstitucionalcronologico202454587\/category\/buscar-en-toda-la-corte\/2008\/tutelas-2008\/' title='Tutelas 2008' class='pt-cv-tax-tutelas-2008'>Tutelas 2008<\/a><\/div>\n<h4 class=\"pt-cv-title\"><a href=\"https:\/\/www.dmsjuridica.com\/buscador_20179478954\/corteconstitucionalcronologico202454587\/t-899-08\/\" class=\"_self\" target=\"_self\" >T-899-08<\/a><\/h4>\n<div class=\"pt-cv-content\">\u00a0 \u00a0 Sentencia T-899\/08 \u00a0 DERECHO A LA SALUD-L\u00ednea jurisprudencial sobre su procedencia mediante tutela \u00a0 SISTEMA DE SEGURIDAD SOCIAL EN SALUD-Exoneraci\u00f3n de cuotas de recuperaci\u00f3n de la poblaci\u00f3n vinculada\u00a0 \u00a0 INCAPACIDAD ECONOMICA PARA ASUMIR EL COSTO DE CUOTAS MODERADORAS-Reglas respecto a la carga de la prueba \u00a0 PRINCIPIO DE INTEGRALIDAD DEL DERECHO A LA SALUD-Perspectivas desarrolladas por la Corte Constitucional\u00a0 \u00a0 Existen dos perspectivas desde las cuales la Corte Constitucional ha desarrollado el principio de integralidad de la garant\u00eda del derecho la salud. Una relativa a la integralidad del concepto mismo de salud, que llama la atenci\u00f3n sobre las ...<br \/><div class=\"pt-cv-rmwrap\"><a href=\"https:\/\/www.dmsjuridica.com\/buscador_20179478954\/corteconstitucionalcronologico202454587\/t-899-08\/\" class=\"_self pt-cv-readmore btn btn-success\" target=\"_self\">Ver Sentencia Completa...<\/a><\/div><\/div><\/div><\/div>\n<div class=\"col-md-12 col-sm-12 col-xs-12 pt-cv-content-item pt-cv-1-col\" ><div class='pt-cv-ifield'><a href=\"https:\/\/www.dmsjuridica.com\/buscador_20179478954\/corteconstitucionalcronologico202454587\/t-898-08\/\" class=\"_self pt-cv-href-thumbnail pt-cv-thumb-default\" target=\"_self\" ><\/a>\n<div class=\"pt-cv-taxoterm above_title\"><a href='https:\/\/www.dmsjuridica.com\/buscador_20179478954\/corteconstitucionalcronologico202454587\/category\/buscar-en-toda-la-corte\/2008\/tutelas-2008\/' title='Tutelas 2008' class='pt-cv-tax-tutelas-2008'>Tutelas 2008<\/a><\/div>\n<h4 class=\"pt-cv-title\"><a href=\"https:\/\/www.dmsjuridica.com\/buscador_20179478954\/corteconstitucionalcronologico202454587\/t-898-08\/\" class=\"_self\" target=\"_self\" >T-898-08<\/a><\/h4>\n<div class=\"pt-cv-content\">\u00a0 \u00a0 Sentencia T-898\/08 \u00a0 ACCION DE TUTELA CONTRA PROVIDENCIAS JUDICIALES-Requisitos generales y especiales de procedibilidad \u00a0 ACCION DE TUTELA CONTRA PROVIDENCIAS JUDICIALES-El actor solicita la entrega del inmueble de cuya posesi\u00f3n fue despojado\u00a0 \u00a0 ACCION DE TUTELA CONTRA PROVIDENCIAS JUDICIALES-Improcedencia por cuanto en las decisiones de instancia no se presenta ninguna de las causales de procedibilidad aducidas \u00a0 Referencia: expediente \u00a0T-1884351 \u00a0 Acci\u00f3n de tutela instaurada por Alfonso Caicedo Pe\u00f1uela contra el Juzgado 13 de Familia de Bogot\u00e1 y otros. \u00a0 Magistrado Ponente:\u00a0 \u00a0 Bogot\u00e1, D.C., diecis\u00e9is (16) de septiembre de dos mil ocho (2008). \u00a0 La Sala Octava ...<br \/><div class=\"pt-cv-rmwrap\"><a href=\"https:\/\/www.dmsjuridica.com\/buscador_20179478954\/corteconstitucionalcronologico202454587\/t-898-08\/\" class=\"_self pt-cv-readmore btn btn-success\" target=\"_self\">Ver Sentencia Completa...<\/a><\/div><\/div><\/div><\/div>\n<div class=\"col-md-12 col-sm-12 col-xs-12 pt-cv-content-item pt-cv-1-col\" ><div class='pt-cv-ifield'><a href=\"https:\/\/www.dmsjuridica.com\/buscador_20179478954\/corteconstitucionalcronologico202454587\/t-897-08\/\" class=\"_self pt-cv-href-thumbnail pt-cv-thumb-default\" target=\"_self\" ><\/a>\n<div class=\"pt-cv-taxoterm above_title\"><a href='https:\/\/www.dmsjuridica.com\/buscador_20179478954\/corteconstitucionalcronologico202454587\/category\/buscar-en-toda-la-corte\/2008\/tutelas-2008\/' title='Tutelas 2008' class='pt-cv-tax-tutelas-2008'>Tutelas 2008<\/a><\/div>\n<h4 class=\"pt-cv-title\"><a href=\"https:\/\/www.dmsjuridica.com\/buscador_20179478954\/corteconstitucionalcronologico202454587\/t-897-08\/\" class=\"_self\" target=\"_self\" >T-897-08<\/a><\/h4>\n<div class=\"pt-cv-content\"> ...<br \/><div class=\"pt-cv-rmwrap\"><a href=\"https:\/\/www.dmsjuridica.com\/buscador_20179478954\/corteconstitucionalcronologico202454587\/t-897-08\/\" class=\"_self pt-cv-readmore btn btn-success\" target=\"_self\">Ver Sentencia Completa...<\/a><\/div><\/div><\/div><\/div>\n<div class=\"col-md-12 col-sm-12 col-xs-12 pt-cv-content-item pt-cv-1-col\" ><div class='pt-cv-ifield'><a href=\"https:\/\/www.dmsjuridica.com\/buscador_20179478954\/corteconstitucionalcronologico202454587\/t-896-08\/\" class=\"_self pt-cv-href-thumbnail pt-cv-thumb-default\" target=\"_self\" ><\/a>\n<div class=\"pt-cv-taxoterm above_title\"><a href='https:\/\/www.dmsjuridica.com\/buscador_20179478954\/corteconstitucionalcronologico202454587\/category\/buscar-en-toda-la-corte\/2008\/tutelas-2008\/' title='Tutelas 2008' class='pt-cv-tax-tutelas-2008'>Tutelas 2008<\/a><\/div>\n<h4 class=\"pt-cv-title\"><a href=\"https:\/\/www.dmsjuridica.com\/buscador_20179478954\/corteconstitucionalcronologico202454587\/t-896-08\/\" class=\"_self\" target=\"_self\" >T-896-08<\/a><\/h4>\n<div class=\"pt-cv-content\"> ...<br \/><div class=\"pt-cv-rmwrap\"><a href=\"https:\/\/www.dmsjuridica.com\/buscador_20179478954\/corteconstitucionalcronologico202454587\/t-896-08\/\" class=\"_self pt-cv-readmore btn btn-success\" target=\"_self\">Ver Sentencia Completa...<\/a><\/div><\/div><\/div><\/div>\n<div class=\"col-md-12 col-sm-12 col-xs-12 pt-cv-content-item pt-cv-1-col\" ><div class='pt-cv-ifield'><a href=\"https:\/\/www.dmsjuridica.com\/buscador_20179478954\/corteconstitucionalcronologico202454587\/t-895-08\/\" class=\"_self pt-cv-href-thumbnail pt-cv-thumb-default\" target=\"_self\" ><\/a>\n<div class=\"pt-cv-taxoterm above_title\"><a href='https:\/\/www.dmsjuridica.com\/buscador_20179478954\/corteconstitucionalcronologico202454587\/category\/buscar-en-toda-la-corte\/2008\/tutelas-2008\/' title='Tutelas 2008' class='pt-cv-tax-tutelas-2008'>Tutelas 2008<\/a><\/div>\n<h4 class=\"pt-cv-title\"><a href=\"https:\/\/www.dmsjuridica.com\/buscador_20179478954\/corteconstitucionalcronologico202454587\/t-895-08\/\" class=\"_self\" target=\"_self\" >T-895-08<\/a><\/h4>\n<div class=\"pt-cv-content\"> ...<br \/><div class=\"pt-cv-rmwrap\"><a href=\"https:\/\/www.dmsjuridica.com\/buscador_20179478954\/corteconstitucionalcronologico202454587\/t-895-08\/\" class=\"_self pt-cv-readmore btn btn-success\" target=\"_self\">Ver Sentencia Completa...<\/a><\/div><\/div><\/div><\/div>\n<div class=\"col-md-12 col-sm-12 col-xs-12 pt-cv-content-item pt-cv-1-col\" ><div class='pt-cv-ifield'><a href=\"https:\/\/www.dmsjuridica.com\/buscador_20179478954\/corteconstitucionalcronologico202454587\/t-893-08\/\" class=\"_self pt-cv-href-thumbnail pt-cv-thumb-default\" target=\"_self\" ><\/a>\n<div class=\"pt-cv-taxoterm above_title\"><a href='https:\/\/www.dmsjuridica.com\/buscador_20179478954\/corteconstitucionalcronologico202454587\/category\/buscar-en-toda-la-corte\/2008\/tutelas-2008\/' title='Tutelas 2008' class='pt-cv-tax-tutelas-2008'>Tutelas 2008<\/a><\/div>\n<h4 class=\"pt-cv-title\"><a href=\"https:\/\/www.dmsjuridica.com\/buscador_20179478954\/corteconstitucionalcronologico202454587\/t-893-08\/\" class=\"_self\" target=\"_self\" >T-893-08<\/a><\/h4>\n<div class=\"pt-cv-content\">\u00a0 \u00a0 Sentencia T-893\/08 \u00a0 ACCION DE TUTELA CONTRA PARTICULARES-Casos en que procede \u00a0 PENSION DE JUBILACION-Regulaci\u00f3n en el C\u00f3digo Sustantivo del Trabajo y en la ley 33 de 1973 \u00a0 DERECHOS PENSIONALES-Irrenunciabilidad\u00a0 \u00a0 La regla general en materia laboral es que los derechos relacionados con el trabajo humano \u2013incluidos los derechos pensionales- son irrenunciables, a menos que la ley disponga expresamente lo contrario. En lo que ata\u00f1e a la pensiones de jubilaci\u00f3n o al derecho de las viudas a recibir la pensi\u00f3n de sus c\u00f3nyuges fallecidos, la Ley laboral no estableci\u00f3 ninguna excepci\u00f3n a la irrenunciabilidad. Por lo tanto, ...<br \/><div class=\"pt-cv-rmwrap\"><a href=\"https:\/\/www.dmsjuridica.com\/buscador_20179478954\/corteconstitucionalcronologico202454587\/t-893-08\/\" class=\"_self pt-cv-readmore btn btn-success\" target=\"_self\">Ver Sentencia Completa...<\/a><\/div><\/div><\/div><\/div>\n<div class=\"col-md-12 col-sm-12 col-xs-12 pt-cv-content-item pt-cv-1-col\" ><div class='pt-cv-ifield'><a href=\"https:\/\/www.dmsjuridica.com\/buscador_20179478954\/corteconstitucionalcronologico202454587\/t-892-08\/\" class=\"_self pt-cv-href-thumbnail pt-cv-thumb-default\" target=\"_self\" ><\/a>\n<div class=\"pt-cv-taxoterm above_title\"><a href='https:\/\/www.dmsjuridica.com\/buscador_20179478954\/corteconstitucionalcronologico202454587\/category\/buscar-en-toda-la-corte\/2008\/tutelas-2008\/' title='Tutelas 2008' class='pt-cv-tax-tutelas-2008'>Tutelas 2008<\/a><\/div>\n<h4 class=\"pt-cv-title\"><a href=\"https:\/\/www.dmsjuridica.com\/buscador_20179478954\/corteconstitucionalcronologico202454587\/t-892-08\/\" class=\"_self\" target=\"_self\" >T-892-08<\/a><\/h4>\n<div class=\"pt-cv-content\">\u00a0 \u00a0 SENTENCIA T-892\/08 \u00a0 (septiembre 12) \u00a0 ACCION DE TUTELA TRANSITORIA-Existencia de perjuicio irremediable \u00a0 SUBSIDIARIEDAD DE LA TUTELA-Requisitos que se deben demostrar para que la inexistencia de otro medio de defensa judicial de lugar a la acci\u00f3n de tutela\u00a0 \u00a0 Para que la inexistencia de otro mecanismo de defensa de lugar a la tutela es necesario demostrar: i) Que la falta de actuaci\u00f3n oportuna no responde a una actitud negligente o imprudente del titular del derecho vulnerado, ii) que el afectado no estaba en capacidad de recurrir, o iii) que la responsabilidad en la interposici\u00f3n de los recursos ...<br \/><div class=\"pt-cv-rmwrap\"><a href=\"https:\/\/www.dmsjuridica.com\/buscador_20179478954\/corteconstitucionalcronologico202454587\/t-892-08\/\" class=\"_self pt-cv-readmore btn btn-success\" target=\"_self\">Ver Sentencia Completa...<\/a><\/div><\/div><\/div><\/div>\n<div class=\"col-md-12 col-sm-12 col-xs-12 pt-cv-content-item pt-cv-1-col\" ><div class='pt-cv-ifield'><a href=\"https:\/\/www.dmsjuridica.com\/buscador_20179478954\/corteconstitucionalcronologico202454587\/t-891-08\/\" class=\"_self pt-cv-href-thumbnail pt-cv-thumb-default\" target=\"_self\" ><\/a>\n<div class=\"pt-cv-taxoterm above_title\"><a href='https:\/\/www.dmsjuridica.com\/buscador_20179478954\/corteconstitucionalcronologico202454587\/category\/buscar-en-toda-la-corte\/2008\/tutelas-2008\/' title='Tutelas 2008' class='pt-cv-tax-tutelas-2008'>Tutelas 2008<\/a><\/div>\n<h4 class=\"pt-cv-title\"><a href=\"https:\/\/www.dmsjuridica.com\/buscador_20179478954\/corteconstitucionalcronologico202454587\/t-891-08\/\" class=\"_self\" target=\"_self\" >T-891-08<\/a><\/h4>\n<div class=\"pt-cv-content\">\u00a0 \u00a0 SENTENCIA T-891\/08 \u00a0 (Bogota D.C., septiembre 12) \u00a0 ACCION DE TUTELA CONTRA PROVIDENCIAS JUDICIALES-Procedencia excepcional \u00a0 PROVISION DE EMPLEOS-Diferencia entre actuaciones discrecionales y regladas\u00a0 \u00a0 La jurisprudencia constitucional diferencia las actuaciones discrecionales de la administraci\u00f3n relacionadas con la provisi\u00f3n de empleos, de las actuaciones regladas. Mientras las primeras se orientan a la designaci\u00f3n y permanencia en el cargo de funcionarios de confianza sobre la base de sus condiciones personales y la naturaleza subjetiva de las funciones desempe\u00f1adas, la segunda consulta criterios t\u00e9cnicos, previamente establecidos, que destacan m\u00e9ritos y calidades, en funci\u00f3n de condiciones objetivas de desempe\u00f1o. En este ...<br \/><div class=\"pt-cv-rmwrap\"><a href=\"https:\/\/www.dmsjuridica.com\/buscador_20179478954\/corteconstitucionalcronologico202454587\/t-891-08\/\" class=\"_self pt-cv-readmore btn btn-success\" target=\"_self\">Ver Sentencia Completa...<\/a><\/div><\/div><\/div><\/div>\n<div class=\"col-md-12 col-sm-12 col-xs-12 pt-cv-content-item pt-cv-1-col\" ><div class='pt-cv-ifield'><a href=\"https:\/\/www.dmsjuridica.com\/buscador_20179478954\/corteconstitucionalcronologico202454587\/t-890-08\/\" class=\"_self pt-cv-href-thumbnail pt-cv-thumb-default\" target=\"_self\" ><\/a>\n<div class=\"pt-cv-taxoterm above_title\"><a href='https:\/\/www.dmsjuridica.com\/buscador_20179478954\/corteconstitucionalcronologico202454587\/category\/buscar-en-toda-la-corte\/2008\/tutelas-2008\/' title='Tutelas 2008' class='pt-cv-tax-tutelas-2008'>Tutelas 2008<\/a><\/div>\n<h4 class=\"pt-cv-title\"><a href=\"https:\/\/www.dmsjuridica.com\/buscador_20179478954\/corteconstitucionalcronologico202454587\/t-890-08\/\" class=\"_self\" target=\"_self\" >T-890-08<\/a><\/h4>\n<div class=\"pt-cv-content\"> ...<br \/><div class=\"pt-cv-rmwrap\"><a href=\"https:\/\/www.dmsjuridica.com\/buscador_20179478954\/corteconstitucionalcronologico202454587\/t-890-08\/\" class=\"_self pt-cv-readmore btn btn-success\" target=\"_self\">Ver Sentencia Completa...<\/a><\/div><\/div><\/div><\/div>\n<div class=\"col-md-12 col-sm-12 col-xs-12 pt-cv-content-item pt-cv-1-col\" ><div class='pt-cv-ifield'><a href=\"https:\/\/www.dmsjuridica.com\/buscador_20179478954\/corteconstitucionalcronologico202454587\/t-889-08\/\" class=\"_self pt-cv-href-thumbnail pt-cv-thumb-default\" target=\"_self\" ><\/a>\n<div class=\"pt-cv-taxoterm above_title\"><a href='https:\/\/www.dmsjuridica.com\/buscador_20179478954\/corteconstitucionalcronologico202454587\/category\/buscar-en-toda-la-corte\/2008\/tutelas-2008\/' title='Tutelas 2008' class='pt-cv-tax-tutelas-2008'>Tutelas 2008<\/a><\/div>\n<h4 class=\"pt-cv-title\"><a href=\"https:\/\/www.dmsjuridica.com\/buscador_20179478954\/corteconstitucionalcronologico202454587\/t-889-08\/\" class=\"_self\" target=\"_self\" >T-889-08<\/a><\/h4>\n<div class=\"pt-cv-content\"> ...<br \/><div class=\"pt-cv-rmwrap\"><a href=\"https:\/\/www.dmsjuridica.com\/buscador_20179478954\/corteconstitucionalcronologico202454587\/t-889-08\/\" class=\"_self pt-cv-readmore btn btn-success\" target=\"_self\">Ver Sentencia Completa...<\/a><\/div><\/div><\/div><\/div>\n<div class=\"col-md-12 col-sm-12 col-xs-12 pt-cv-content-item pt-cv-1-col\" ><div class='pt-cv-ifield'><a href=\"https:\/\/www.dmsjuridica.com\/buscador_20179478954\/corteconstitucionalcronologico202454587\/t-888-08\/\" class=\"_self pt-cv-href-thumbnail pt-cv-thumb-default\" target=\"_self\" ><\/a>\n<div class=\"pt-cv-taxoterm above_title\"><a href='https:\/\/www.dmsjuridica.com\/buscador_20179478954\/corteconstitucionalcronologico202454587\/category\/buscar-en-toda-la-corte\/2008\/tutelas-2008\/' title='Tutelas 2008' class='pt-cv-tax-tutelas-2008'>Tutelas 2008<\/a><\/div>\n<h4 class=\"pt-cv-title\"><a href=\"https:\/\/www.dmsjuridica.com\/buscador_20179478954\/corteconstitucionalcronologico202454587\/t-888-08\/\" class=\"_self\" target=\"_self\" >T-888-08<\/a><\/h4>\n<div class=\"pt-cv-content\"> ...<br \/><div class=\"pt-cv-rmwrap\"><a href=\"https:\/\/www.dmsjuridica.com\/buscador_20179478954\/corteconstitucionalcronologico202454587\/t-888-08\/\" class=\"_self pt-cv-readmore btn btn-success\" target=\"_self\">Ver Sentencia Completa...<\/a><\/div><\/div><\/div><\/div>\n<div class=\"col-md-12 col-sm-12 col-xs-12 pt-cv-content-item pt-cv-1-col\" ><div class='pt-cv-ifield'><a href=\"https:\/\/www.dmsjuridica.com\/buscador_20179478954\/corteconstitucionalcronologico202454587\/t-887-08\/\" class=\"_self pt-cv-href-thumbnail pt-cv-thumb-default\" target=\"_self\" ><\/a>\n<div class=\"pt-cv-taxoterm above_title\"><a href='https:\/\/www.dmsjuridica.com\/buscador_20179478954\/corteconstitucionalcronologico202454587\/category\/buscar-en-toda-la-corte\/2008\/tutelas-2008\/' title='Tutelas 2008' class='pt-cv-tax-tutelas-2008'>Tutelas 2008<\/a><\/div>\n<h4 class=\"pt-cv-title\"><a href=\"https:\/\/www.dmsjuridica.com\/buscador_20179478954\/corteconstitucionalcronologico202454587\/t-887-08\/\" class=\"_self\" target=\"_self\" >T-887-08<\/a><\/h4>\n<div class=\"pt-cv-content\"> ...<br \/><div class=\"pt-cv-rmwrap\"><a href=\"https:\/\/www.dmsjuridica.com\/buscador_20179478954\/corteconstitucionalcronologico202454587\/t-887-08\/\" class=\"_self pt-cv-readmore btn btn-success\" target=\"_self\">Ver Sentencia Completa...<\/a><\/div><\/div><\/div><\/div>\n<div class=\"col-md-12 col-sm-12 col-xs-12 pt-cv-content-item pt-cv-1-col\" ><div class='pt-cv-ifield'><a href=\"https:\/\/www.dmsjuridica.com\/buscador_20179478954\/corteconstitucionalcronologico202454587\/t-886-08\/\" class=\"_self pt-cv-href-thumbnail pt-cv-thumb-default\" target=\"_self\" ><\/a>\n<div class=\"pt-cv-taxoterm above_title\"><a href='https:\/\/www.dmsjuridica.com\/buscador_20179478954\/corteconstitucionalcronologico202454587\/category\/buscar-en-toda-la-corte\/2008\/tutelas-2008\/' title='Tutelas 2008' class='pt-cv-tax-tutelas-2008'>Tutelas 2008<\/a><\/div>\n<h4 class=\"pt-cv-title\"><a href=\"https:\/\/www.dmsjuridica.com\/buscador_20179478954\/corteconstitucionalcronologico202454587\/t-886-08\/\" class=\"_self\" target=\"_self\" >T-886-08<\/a><\/h4>\n<div class=\"pt-cv-content\">\u00a0 \u00a0 Sentencia T-886\/08 \u00a0 DERECHO A LA SALUD DEL NI\u00d1O-Fundamental aut\u00f3nomo \u00a0 DERECHO A LA SALUD DEL NI\u00d1O-Implica la posibilidad de reclamar la atenci\u00f3n que requieran as\u00ed est\u00e9 excluida del POS\u00a0 \u00a0 Consecuencia directa de la calificaci\u00f3n de derecho fundamental aut\u00f3nomo que se le ha reconocido al derecho a la salud de los ni\u00f1os es que los menores pueden reclamar aquella atenci\u00f3n que requieran para reestablecer su salud f\u00edsica, independientemente de que la prestaci\u00f3n correspondiente se encuentre o no incluida en el Plan Obligatorio de Salud que les corresponda.\u00a0 \u00a0 SISTEMA GENERAL DE SEGURIDAD SOCIAL EN SALUD-Reglas cuando se ...<br \/><div class=\"pt-cv-rmwrap\"><a href=\"https:\/\/www.dmsjuridica.com\/buscador_20179478954\/corteconstitucionalcronologico202454587\/t-886-08\/\" class=\"_self pt-cv-readmore btn btn-success\" target=\"_self\">Ver Sentencia Completa...<\/a><\/div><\/div><\/div><\/div>\n<div class=\"col-md-12 col-sm-12 col-xs-12 pt-cv-content-item pt-cv-1-col\" ><div class='pt-cv-ifield'><a href=\"https:\/\/www.dmsjuridica.com\/buscador_20179478954\/corteconstitucionalcronologico202454587\/t-885-08\/\" class=\"_self pt-cv-href-thumbnail pt-cv-thumb-default\" target=\"_self\" ><\/a>\n<div class=\"pt-cv-taxoterm above_title\"><a href='https:\/\/www.dmsjuridica.com\/buscador_20179478954\/corteconstitucionalcronologico202454587\/category\/buscar-en-toda-la-corte\/2008\/tutelas-2008\/' title='Tutelas 2008' class='pt-cv-tax-tutelas-2008'>Tutelas 2008<\/a><\/div>\n<h4 class=\"pt-cv-title\"><a href=\"https:\/\/www.dmsjuridica.com\/buscador_20179478954\/corteconstitucionalcronologico202454587\/t-885-08\/\" class=\"_self\" target=\"_self\" >T-885-08<\/a><\/h4>\n<div class=\"pt-cv-content\">\u00a0 \u00a0 Sentencia T-885\/08 \u00a0 ACCION DE TUTELA-Subsidiariedad e improcedencia cuando existen otros medios de defensa judicial \u00a0 ACCION DE TUTELA-Improcedencia contra la resoluci\u00f3n que declar\u00f3 el retiro forzoso de la peticionaria en raz\u00f3n de su edad por existir otro medio defensa judicial \u00a0 Referencia: expediente T- 1.917.472 \u00a0 Acci\u00f3n de tutela instaurada por Mar\u00eda Rosmira Franco G\u00f3mez en contra del Hospital Santa Clara Empresa Social del Estado. \u00a0 \u00a0 \u00a0 \u00a0 Magistrado Ponente: \u00a0 Dr. JAIME ARA\u00daJO RENTER\u00cdA \u00a0 \u00a0 \u00a0 \u00a0 \u00a0 Bogot\u00e1, D.C., once (11) de septiembre de dos mil ocho (2008) \u00a0 La Sala Primera de ...<br \/><div class=\"pt-cv-rmwrap\"><a href=\"https:\/\/www.dmsjuridica.com\/buscador_20179478954\/corteconstitucionalcronologico202454587\/t-885-08\/\" class=\"_self pt-cv-readmore btn btn-success\" target=\"_self\">Ver Sentencia Completa...<\/a><\/div><\/div><\/div><\/div>\n<div class=\"col-md-12 col-sm-12 col-xs-12 pt-cv-content-item pt-cv-1-col\" ><div class='pt-cv-ifield'><a href=\"https:\/\/www.dmsjuridica.com\/buscador_20179478954\/corteconstitucionalcronologico202454587\/t-884-08\/\" class=\"_self pt-cv-href-thumbnail pt-cv-thumb-default\" target=\"_self\" ><\/a>\n<div class=\"pt-cv-taxoterm above_title\"><a href='https:\/\/www.dmsjuridica.com\/buscador_20179478954\/corteconstitucionalcronologico202454587\/category\/buscar-en-toda-la-corte\/2008\/tutelas-2008\/' title='Tutelas 2008' class='pt-cv-tax-tutelas-2008'>Tutelas 2008<\/a><\/div>\n<h4 class=\"pt-cv-title\"><a href=\"https:\/\/www.dmsjuridica.com\/buscador_20179478954\/corteconstitucionalcronologico202454587\/t-884-08\/\" class=\"_self\" target=\"_self\" >T-884-08<\/a><\/h4>\n<div class=\"pt-cv-content\">\u00a0 \u00a0 Sentencia T-884\/08 \u00a0 ACCION DE TUTELA-Improcedencia general para la protecci\u00f3n de derechos prestacionales \u00a0 ACCION DE TUTELA-Casos en que procede excepcionalmente para la protecci\u00f3n de derechos prestacionales \u00a0 ACCION DE TUTELA-Improcedencia para reliquidaci\u00f3n pensional ya que no existe vulneraci\u00f3n del m\u00ednimo vital \u00a0 ACTO ADMINISTRATIVO-Diferencias en cuanto a la naturaleza jur\u00eddica de la resoluci\u00f3n que ajusta el valor de la pensi\u00f3n que viene recibiendo el demandante \u00a0 Referencia: expediente T- 1921191 \u00a0 Acci\u00f3n de tutela instaurada por Rafael Maglioni Valdebenitez contra el Ministerio de la Protecci\u00f3n Social, Grupo Interno de Trabajo para la Gesti\u00f3n del Pasivo de la ...<br \/><div class=\"pt-cv-rmwrap\"><a href=\"https:\/\/www.dmsjuridica.com\/buscador_20179478954\/corteconstitucionalcronologico202454587\/t-884-08\/\" class=\"_self pt-cv-readmore btn btn-success\" target=\"_self\">Ver Sentencia Completa...<\/a><\/div><\/div><\/div><\/div>\n<div class=\"col-md-12 col-sm-12 col-xs-12 pt-cv-content-item pt-cv-1-col\" ><div class='pt-cv-ifield'><a href=\"https:\/\/www.dmsjuridica.com\/buscador_20179478954\/corteconstitucionalcronologico202454587\/t-883-08\/\" class=\"_self pt-cv-href-thumbnail pt-cv-thumb-default\" target=\"_self\" ><\/a>\n<div class=\"pt-cv-taxoterm above_title\"><a href='https:\/\/www.dmsjuridica.com\/buscador_20179478954\/corteconstitucionalcronologico202454587\/category\/buscar-en-toda-la-corte\/2008\/tutelas-2008\/' title='Tutelas 2008' class='pt-cv-tax-tutelas-2008'>Tutelas 2008<\/a><\/div>\n<h4 class=\"pt-cv-title\"><a href=\"https:\/\/www.dmsjuridica.com\/buscador_20179478954\/corteconstitucionalcronologico202454587\/t-883-08\/\" class=\"_self\" target=\"_self\" >T-883-08<\/a><\/h4>\n<div class=\"pt-cv-content\">\u00a0 \u00a0 Sentencia T-883\/08 \u00a0 ACCION DE TUTELA-Para su procedencia se requiere que existan acciones u omisiones que vulneren derechos fundamentales \u00a0y no que sean meras especulaciones o hip\u00f3tesis \u00a0 ACCION DE TUTELA-La peticionaria pretende que a su hijo con malformaci\u00f3n de pies chapines le cubran todos los ex\u00e1menes y tratamientos cuando ni siquiera ha acudido a ninguna de las entidades demandadas para que su hijo sea atendido\/ACCION DE TUTELA-Improcedencia ante la no ocurrencia de acci\u00f3n u omisi\u00f3n vulneratoria de derechos fundamentales\u00a0 \u00a0 Encuentra la Sala que de los hechos narrados por la accionante, as\u00ed como de los medios probatorios ...<br \/><div class=\"pt-cv-rmwrap\"><a href=\"https:\/\/www.dmsjuridica.com\/buscador_20179478954\/corteconstitucionalcronologico202454587\/t-883-08\/\" class=\"_self pt-cv-readmore btn btn-success\" target=\"_self\">Ver Sentencia Completa...<\/a><\/div><\/div><\/div><\/div>\n<div class=\"col-md-12 col-sm-12 col-xs-12 pt-cv-content-item pt-cv-1-col\" ><div class='pt-cv-ifield'><a href=\"https:\/\/www.dmsjuridica.com\/buscador_20179478954\/corteconstitucionalcronologico202454587\/t-882-08\/\" class=\"_self pt-cv-href-thumbnail pt-cv-thumb-default\" target=\"_self\" ><\/a>\n<div class=\"pt-cv-taxoterm above_title\"><a href='https:\/\/www.dmsjuridica.com\/buscador_20179478954\/corteconstitucionalcronologico202454587\/category\/buscar-en-toda-la-corte\/2008\/tutelas-2008\/' title='Tutelas 2008' class='pt-cv-tax-tutelas-2008'>Tutelas 2008<\/a><\/div>\n<h4 class=\"pt-cv-title\"><a href=\"https:\/\/www.dmsjuridica.com\/buscador_20179478954\/corteconstitucionalcronologico202454587\/t-882-08\/\" class=\"_self\" target=\"_self\" >T-882-08<\/a><\/h4>\n<div class=\"pt-cv-content\"> ...<br \/><div class=\"pt-cv-rmwrap\"><a href=\"https:\/\/www.dmsjuridica.com\/buscador_20179478954\/corteconstitucionalcronologico202454587\/t-882-08\/\" class=\"_self pt-cv-readmore btn btn-success\" target=\"_self\">Ver Sentencia Completa...<\/a><\/div><\/div><\/div><\/div>\n<div class=\"col-md-12 col-sm-12 col-xs-12 pt-cv-content-item pt-cv-1-col\" ><div class='pt-cv-ifield'><a href=\"https:\/\/www.dmsjuridica.com\/buscador_20179478954\/corteconstitucionalcronologico202454587\/t-881-08\/\" class=\"_self pt-cv-href-thumbnail pt-cv-thumb-default\" target=\"_self\" ><\/a>\n<div class=\"pt-cv-taxoterm above_title\"><a href='https:\/\/www.dmsjuridica.com\/buscador_20179478954\/corteconstitucionalcronologico202454587\/category\/buscar-en-toda-la-corte\/2008\/tutelas-2008\/' title='Tutelas 2008' class='pt-cv-tax-tutelas-2008'>Tutelas 2008<\/a><\/div>\n<h4 class=\"pt-cv-title\"><a href=\"https:\/\/www.dmsjuridica.com\/buscador_20179478954\/corteconstitucionalcronologico202454587\/t-881-08\/\" class=\"_self\" target=\"_self\" >T-881-08<\/a><\/h4>\n<div class=\"pt-cv-content\">\u00a0 \u00a0 Sentencia T-881\/08 \u00a0 SUJETOS DE ESPECIAL PROTECCION CONSTITUCIONAL-Reiteraci\u00f3n de jurisprudencia \u00a0 MENORES COMO SUJETOS DE ESPECIAL PROTECCION CONSTITUCIONAL-Asistencia y garant\u00eda de las condiciones necesarias para el pleno ejercicio de todos sus derechos \u00a0 DERECHO A LA SALUD DEL NI\u00d1O-Fundamental \u00a0 INAPLICACION DE NORMAS DEL PLAN OBLIGATORIO DE SALUD-Requisitos para acceder a tratamientos y medicamentos excluidos del POS \u00a0 DERECHO A LA SALUD-Incorpora el derecho al diagn\u00f3stico \u00a0 DERECHO AL DIAGNOSTICO-Se fundamenta en dos razones \u00a0 DERECHO AL DIAGNOSTICO-Posibilidad de ordenar a una EPS el reconocimiento de un tratamiento prescrito por un m\u00e9dico externo, si \u00e9sta ha tenido la ...<br \/><div class=\"pt-cv-rmwrap\"><a href=\"https:\/\/www.dmsjuridica.com\/buscador_20179478954\/corteconstitucionalcronologico202454587\/t-881-08\/\" class=\"_self pt-cv-readmore btn btn-success\" target=\"_self\">Ver Sentencia Completa...<\/a><\/div><\/div><\/div><\/div>\n<div class=\"col-md-12 col-sm-12 col-xs-12 pt-cv-content-item pt-cv-1-col\" ><div class='pt-cv-ifield'><a href=\"https:\/\/www.dmsjuridica.com\/buscador_20179478954\/corteconstitucionalcronologico202454587\/t-877-08\/\" class=\"_self pt-cv-href-thumbnail pt-cv-thumb-default\" target=\"_self\" ><\/a>\n<div class=\"pt-cv-taxoterm above_title\"><a href='https:\/\/www.dmsjuridica.com\/buscador_20179478954\/corteconstitucionalcronologico202454587\/category\/buscar-en-toda-la-corte\/2008\/tutelas-2008\/' title='Tutelas 2008' class='pt-cv-tax-tutelas-2008'>Tutelas 2008<\/a><\/div>\n<h4 class=\"pt-cv-title\"><a href=\"https:\/\/www.dmsjuridica.com\/buscador_20179478954\/corteconstitucionalcronologico202454587\/t-877-08\/\" class=\"_self\" target=\"_self\" >T-877-08<\/a><\/h4>\n<div class=\"pt-cv-content\">\u00a0 \u00a0 Sentencia T-877\/08 \u00a0 PRINCIPIO DE LA BUENA FE-Aplicaci\u00f3n \u00a0 PRINCIPIO DE LA BUENA FE-Desconocimiento por la entidad que debe incluir al actor en n\u00f3mina para el pago de la sustituci\u00f3n pensional \u00a0 PENSION DE SOBREVIVIENTES-Se condiciona la inclusi\u00f3n del actor en n\u00f3mina para la sustituci\u00f3n pensional, a la presentaci\u00f3n del registro civil de matrimonio \u00a0 PENSION DE SOBREVIVIENTES-El actor no present\u00f3 registro civil de matrimonio porque ignora su ubicaci\u00f3n, pero demostr\u00f3 la convivencia con su esposa, con declaraciones de sus hijos y con razones de tipo pr\u00e1ctico \u00a0 Referencia: expediente T-1.881.038. \u00a0 Demandante: Germ\u00e1n Soto Ram\u00edrez. \u00a0 Demandado: ...<br \/><div class=\"pt-cv-rmwrap\"><a href=\"https:\/\/www.dmsjuridica.com\/buscador_20179478954\/corteconstitucionalcronologico202454587\/t-877-08\/\" class=\"_self pt-cv-readmore btn btn-success\" target=\"_self\">Ver Sentencia Completa...<\/a><\/div><\/div><\/div><\/div>\n<div class=\"col-md-12 col-sm-12 col-xs-12 pt-cv-content-item pt-cv-1-col\" ><div class='pt-cv-ifield'><a href=\"https:\/\/www.dmsjuridica.com\/buscador_20179478954\/corteconstitucionalcronologico202454587\/t-875-08\/\" class=\"_self pt-cv-href-thumbnail pt-cv-thumb-default\" target=\"_self\" ><\/a>\n<div class=\"pt-cv-taxoterm above_title\"><a href='https:\/\/www.dmsjuridica.com\/buscador_20179478954\/corteconstitucionalcronologico202454587\/category\/buscar-en-toda-la-corte\/2008\/tutelas-2008\/' title='Tutelas 2008' class='pt-cv-tax-tutelas-2008'>Tutelas 2008<\/a><\/div>\n<h4 class=\"pt-cv-title\"><a href=\"https:\/\/www.dmsjuridica.com\/buscador_20179478954\/corteconstitucionalcronologico202454587\/t-875-08\/\" class=\"_self\" target=\"_self\" >T-875-08<\/a><\/h4>\n<div class=\"pt-cv-content\">\u00a0 \u00a0 Sentencia T-875\/08 \u00a0 DEFENSORIA DEL PUEBLO-Organo mediante el cual Colombia cumple sus obligaciones generales de naturaleza internacional de respeto, protecci\u00f3n y garant\u00eda \u00a0 DEFENSORIA DEL PUEBLO-Legitimaci\u00f3n para interponer tutela cuando titular del derecho se lo solicite o se encuentra en situaci\u00f3n de desamparo o indefensi\u00f3n\u00a0 \u00a0 DERECHO A ACCEDER A LOS SERVICIOS MEDICOS QUE REQUIEREN LOS BENEFICIARIOS DEL REGIMEN SUBSIDIADO DE SALUD-Reiteraci\u00f3n de jurisprudencia \u00a0 DERECHO A LA SALUD-Definici\u00f3n del concepto \u201crequerir con necesidad\u201d y requisitos\u00a0 \u00a0 A la situaci\u00f3n, requerir un servicio y no contar con los recursos econ\u00f3micos para poder proveerse por s\u00ed mismo el servicio, ...<br \/><div class=\"pt-cv-rmwrap\"><a href=\"https:\/\/www.dmsjuridica.com\/buscador_20179478954\/corteconstitucionalcronologico202454587\/t-875-08\/\" class=\"_self pt-cv-readmore btn btn-success\" target=\"_self\">Ver Sentencia Completa...<\/a><\/div><\/div><\/div><\/div>\n<div class=\"col-md-12 col-sm-12 col-xs-12 pt-cv-content-item pt-cv-1-col\" ><div class='pt-cv-ifield'><a href=\"https:\/\/www.dmsjuridica.com\/buscador_20179478954\/corteconstitucionalcronologico202454587\/t-873-08\/\" class=\"_self pt-cv-href-thumbnail pt-cv-thumb-default\" target=\"_self\" ><\/a>\n<div class=\"pt-cv-taxoterm above_title\"><a href='https:\/\/www.dmsjuridica.com\/buscador_20179478954\/corteconstitucionalcronologico202454587\/category\/buscar-en-toda-la-corte\/2008\/tutelas-2008\/' title='Tutelas 2008' class='pt-cv-tax-tutelas-2008'>Tutelas 2008<\/a><\/div>\n<h4 class=\"pt-cv-title\"><a href=\"https:\/\/www.dmsjuridica.com\/buscador_20179478954\/corteconstitucionalcronologico202454587\/t-873-08\/\" class=\"_self\" target=\"_self\" >T-873-08<\/a><\/h4>\n<div class=\"pt-cv-content\">\u00a0 \u00a0 SENTENCIA T-873\/08 \u00a0 (Bogot\u00e1 D.C., septiembre 8 ) \u00a0 PERSONA DE LA TERCERA EDAD-Su sola condici\u00f3n no es raz\u00f3n suficiente para que proceda la tutela\/PERSONA DE LA TERCERA EDAD-Protecci\u00f3n por tutela cuando se demuestra un perjuicio irremediable \u00a0 RECURSO DE REVISION-Procede contra sentencias ejecutoriadas y no contra autos de sustanciaci\u00f3n\u00a0 \u00a0 El recurso de revisi\u00f3n procede en contra de las sentencias ejecutoriadas y no de autos de sustanciaci\u00f3n, as\u00ed \u00e9stos den lugar a la terminaci\u00f3n de los procesos y si bien la actora puede promover un proceso Ordinario, para que se declare la nulidad del Contrato de Transacci\u00f3n, ...<br \/><div class=\"pt-cv-rmwrap\"><a href=\"https:\/\/www.dmsjuridica.com\/buscador_20179478954\/corteconstitucionalcronologico202454587\/t-873-08\/\" class=\"_self pt-cv-readmore btn btn-success\" target=\"_self\">Ver Sentencia Completa...<\/a><\/div><\/div><\/div><\/div>\n<div class=\"col-md-12 col-sm-12 col-xs-12 pt-cv-content-item pt-cv-1-col\" ><div class='pt-cv-ifield'><a href=\"https:\/\/www.dmsjuridica.com\/buscador_20179478954\/corteconstitucionalcronologico202454587\/t-872-08\/\" class=\"_self pt-cv-href-thumbnail pt-cv-thumb-default\" target=\"_self\" ><\/a>\n<div class=\"pt-cv-taxoterm above_title\"><a href='https:\/\/www.dmsjuridica.com\/buscador_20179478954\/corteconstitucionalcronologico202454587\/category\/buscar-en-toda-la-corte\/2008\/tutelas-2008\/' title='Tutelas 2008' class='pt-cv-tax-tutelas-2008'>Tutelas 2008<\/a><\/div>\n<h4 class=\"pt-cv-title\"><a href=\"https:\/\/www.dmsjuridica.com\/buscador_20179478954\/corteconstitucionalcronologico202454587\/t-872-08\/\" class=\"_self\" target=\"_self\" >T-872-08<\/a><\/h4>\n<div class=\"pt-cv-content\"> ...<br \/><div class=\"pt-cv-rmwrap\"><a href=\"https:\/\/www.dmsjuridica.com\/buscador_20179478954\/corteconstitucionalcronologico202454587\/t-872-08\/\" class=\"_self pt-cv-readmore btn btn-success\" target=\"_self\">Ver Sentencia Completa...<\/a><\/div><\/div><\/div><\/div>\n<div class=\"col-md-12 col-sm-12 col-xs-12 pt-cv-content-item pt-cv-1-col\" ><div class='pt-cv-ifield'><a href=\"https:\/\/www.dmsjuridica.com\/buscador_20179478954\/corteconstitucionalcronologico202454587\/t-871-08\/\" class=\"_self pt-cv-href-thumbnail pt-cv-thumb-default\" target=\"_self\" ><\/a>\n<div class=\"pt-cv-taxoterm above_title\"><a href='https:\/\/www.dmsjuridica.com\/buscador_20179478954\/corteconstitucionalcronologico202454587\/category\/buscar-en-toda-la-corte\/2008\/tutelas-2008\/' title='Tutelas 2008' class='pt-cv-tax-tutelas-2008'>Tutelas 2008<\/a><\/div>\n<h4 class=\"pt-cv-title\"><a href=\"https:\/\/www.dmsjuridica.com\/buscador_20179478954\/corteconstitucionalcronologico202454587\/t-871-08\/\" class=\"_self\" target=\"_self\" >T-871-08<\/a><\/h4>\n<div class=\"pt-cv-content\"> ...<br \/><div class=\"pt-cv-rmwrap\"><a href=\"https:\/\/www.dmsjuridica.com\/buscador_20179478954\/corteconstitucionalcronologico202454587\/t-871-08\/\" class=\"_self pt-cv-readmore btn btn-success\" target=\"_self\">Ver Sentencia Completa...<\/a><\/div><\/div><\/div><\/div>\n<div class=\"col-md-12 col-sm-12 col-xs-12 pt-cv-content-item pt-cv-1-col\" ><div class='pt-cv-ifield'><a href=\"https:\/\/www.dmsjuridica.com\/buscador_20179478954\/corteconstitucionalcronologico202454587\/t-870-08\/\" class=\"_self pt-cv-href-thumbnail pt-cv-thumb-default\" target=\"_self\" ><\/a>\n<div class=\"pt-cv-taxoterm above_title\"><a href='https:\/\/www.dmsjuridica.com\/buscador_20179478954\/corteconstitucionalcronologico202454587\/category\/buscar-en-toda-la-corte\/2008\/tutelas-2008\/' title='Tutelas 2008' class='pt-cv-tax-tutelas-2008'>Tutelas 2008<\/a><\/div>\n<h4 class=\"pt-cv-title\"><a href=\"https:\/\/www.dmsjuridica.com\/buscador_20179478954\/corteconstitucionalcronologico202454587\/t-870-08\/\" class=\"_self\" target=\"_self\" >T-870-08<\/a><\/h4>\n<div class=\"pt-cv-content\">\u00a0 \u00a0 Sentencia T-870\/08 \u00a0 ACCION DE TUTELA Y TRATAMIENTO DE INFERTILIDAD-L\u00ednea jurisprudencial sobre su improcedencia \u00a0 ACCION DE TUTELA Y TRATAMIENTO DE MIOMATOSIS UTERINA-Procedencia ya que la infertilidad es una consecuencia posible de la enfermedad\u00a0 \u00a0 En cuanto al tratamiento de la miomatosis uterina diagnosticada por su m\u00e9dico tratante la Sala considera que la tutela resulta procedente ya que la infertilidad es s\u00f3lo una consecuencia posible de una enfermedad que afecta la salud y la integridad f\u00edsica de la accionante y que puede deteriorarse en el futuro. La historia cl\u00ednica no especifica la sintomatolog\u00eda de la miomatosis uterina en ...<br \/><div class=\"pt-cv-rmwrap\"><a href=\"https:\/\/www.dmsjuridica.com\/buscador_20179478954\/corteconstitucionalcronologico202454587\/t-870-08\/\" class=\"_self pt-cv-readmore btn btn-success\" target=\"_self\">Ver Sentencia Completa...<\/a><\/div><\/div><\/div><\/div>\n<div class=\"col-md-12 col-sm-12 col-xs-12 pt-cv-content-item pt-cv-1-col\" ><div class='pt-cv-ifield'><a href=\"https:\/\/www.dmsjuridica.com\/buscador_20179478954\/corteconstitucionalcronologico202454587\/t-869-08\/\" class=\"_self pt-cv-href-thumbnail pt-cv-thumb-default\" target=\"_self\" ><\/a>\n<div class=\"pt-cv-taxoterm above_title\"><a href='https:\/\/www.dmsjuridica.com\/buscador_20179478954\/corteconstitucionalcronologico202454587\/category\/buscar-en-toda-la-corte\/2008\/tutelas-2008\/' title='Tutelas 2008' class='pt-cv-tax-tutelas-2008'>Tutelas 2008<\/a><\/div>\n<h4 class=\"pt-cv-title\"><a href=\"https:\/\/www.dmsjuridica.com\/buscador_20179478954\/corteconstitucionalcronologico202454587\/t-869-08\/\" class=\"_self\" target=\"_self\" >T-869-08<\/a><\/h4>\n<div class=\"pt-cv-content\"> ...<br \/><div class=\"pt-cv-rmwrap\"><a href=\"https:\/\/www.dmsjuridica.com\/buscador_20179478954\/corteconstitucionalcronologico202454587\/t-869-08\/\" class=\"_self pt-cv-readmore btn btn-success\" target=\"_self\">Ver Sentencia Completa...<\/a><\/div><\/div><\/div><\/div>\n<div class=\"col-md-12 col-sm-12 col-xs-12 pt-cv-content-item pt-cv-1-col\" ><div class='pt-cv-ifield'><a href=\"https:\/\/www.dmsjuridica.com\/buscador_20179478954\/corteconstitucionalcronologico202454587\/t-868-08\/\" class=\"_self pt-cv-href-thumbnail pt-cv-thumb-default\" target=\"_self\" ><\/a>\n<div class=\"pt-cv-taxoterm above_title\"><a href='https:\/\/www.dmsjuridica.com\/buscador_20179478954\/corteconstitucionalcronologico202454587\/category\/buscar-en-toda-la-corte\/2008\/tutelas-2008\/' title='Tutelas 2008' class='pt-cv-tax-tutelas-2008'>Tutelas 2008<\/a><\/div>\n<h4 class=\"pt-cv-title\"><a href=\"https:\/\/www.dmsjuridica.com\/buscador_20179478954\/corteconstitucionalcronologico202454587\/t-868-08\/\" class=\"_self\" target=\"_self\" >T-868-08<\/a><\/h4>\n<div class=\"pt-cv-content\">\u00a0 \u00a0 Sentencia T-868\/08 \u00a0 DESPLAZAMIENTO FORZADO-Normatividad y Estado de cosas inconstitucional \u00a0 ATENCION HUMANITARIA DE EMERGENCIA PARA DESPLAZADOS-Finalidad e inmediatez \u00a0 La atenci\u00f3n humanitaria de emergencia, pretende, en t\u00e9rminos del art\u00edculo 20 del Decreto 2569 de 2000, cubrir, de forma temporaria e inmediata, las necesidades b\u00e1sicas de alimentaci\u00f3n, alojamiento, salud, atenci\u00f3n psicol\u00f3gica, elementos de h\u00e1bitat interno y salubridad p\u00fablica de aquellas personas que han sido v\u00edctimas del desplazamiento. Una de las caracter\u00edsticas principales de la AHE es su inmediatez, as\u00ed se entiende que una vez el desplazado a rendido declaraci\u00f3n y ha sido inscrito en el registro, la ayuda ...<br \/><div class=\"pt-cv-rmwrap\"><a href=\"https:\/\/www.dmsjuridica.com\/buscador_20179478954\/corteconstitucionalcronologico202454587\/t-868-08\/\" class=\"_self pt-cv-readmore btn btn-success\" target=\"_self\">Ver Sentencia Completa...<\/a><\/div><\/div><\/div><\/div>\n<div class=\"col-md-12 col-sm-12 col-xs-12 pt-cv-content-item pt-cv-1-col\" ><div class='pt-cv-ifield'><a href=\"https:\/\/www.dmsjuridica.com\/buscador_20179478954\/corteconstitucionalcronologico202454587\/t-867-08\/\" class=\"_self pt-cv-href-thumbnail pt-cv-thumb-default\" target=\"_self\" ><\/a>\n<div class=\"pt-cv-taxoterm above_title\"><a href='https:\/\/www.dmsjuridica.com\/buscador_20179478954\/corteconstitucionalcronologico202454587\/category\/buscar-en-toda-la-corte\/2008\/tutelas-2008\/' title='Tutelas 2008' class='pt-cv-tax-tutelas-2008'>Tutelas 2008<\/a><\/div>\n<h4 class=\"pt-cv-title\"><a href=\"https:\/\/www.dmsjuridica.com\/buscador_20179478954\/corteconstitucionalcronologico202454587\/t-867-08\/\" class=\"_self\" target=\"_self\" >T-867-08<\/a><\/h4>\n<div class=\"pt-cv-content\"> ...<br \/><div class=\"pt-cv-rmwrap\"><a href=\"https:\/\/www.dmsjuridica.com\/buscador_20179478954\/corteconstitucionalcronologico202454587\/t-867-08\/\" class=\"_self pt-cv-readmore btn btn-success\" target=\"_self\">Ver Sentencia Completa...<\/a><\/div><\/div><\/div><\/div>\n<div class=\"col-md-12 col-sm-12 col-xs-12 pt-cv-content-item pt-cv-1-col\" ><div class='pt-cv-ifield'><a href=\"https:\/\/www.dmsjuridica.com\/buscador_20179478954\/corteconstitucionalcronologico202454587\/t-866-08\/\" class=\"_self pt-cv-href-thumbnail pt-cv-thumb-default\" target=\"_self\" ><\/a>\n<div class=\"pt-cv-taxoterm above_title\"><a href='https:\/\/www.dmsjuridica.com\/buscador_20179478954\/corteconstitucionalcronologico202454587\/category\/buscar-en-toda-la-corte\/2008\/tutelas-2008\/' title='Tutelas 2008' class='pt-cv-tax-tutelas-2008'>Tutelas 2008<\/a><\/div>\n<h4 class=\"pt-cv-title\"><a href=\"https:\/\/www.dmsjuridica.com\/buscador_20179478954\/corteconstitucionalcronologico202454587\/t-866-08\/\" class=\"_self\" target=\"_self\" >T-866-08<\/a><\/h4>\n<div class=\"pt-cv-content\"> ...<br \/><div class=\"pt-cv-rmwrap\"><a href=\"https:\/\/www.dmsjuridica.com\/buscador_20179478954\/corteconstitucionalcronologico202454587\/t-866-08\/\" class=\"_self pt-cv-readmore btn btn-success\" target=\"_self\">Ver Sentencia Completa...<\/a><\/div><\/div><\/div><\/div>\n<div class=\"col-md-12 col-sm-12 col-xs-12 pt-cv-content-item pt-cv-1-col\" ><div class='pt-cv-ifield'><a href=\"https:\/\/www.dmsjuridica.com\/buscador_20179478954\/corteconstitucionalcronologico202454587\/t-865-08\/\" class=\"_self pt-cv-href-thumbnail pt-cv-thumb-default\" target=\"_self\" ><\/a>\n<div class=\"pt-cv-taxoterm above_title\"><a href='https:\/\/www.dmsjuridica.com\/buscador_20179478954\/corteconstitucionalcronologico202454587\/category\/buscar-en-toda-la-corte\/2008\/tutelas-2008\/' title='Tutelas 2008' class='pt-cv-tax-tutelas-2008'>Tutelas 2008<\/a><\/div>\n<h4 class=\"pt-cv-title\"><a href=\"https:\/\/www.dmsjuridica.com\/buscador_20179478954\/corteconstitucionalcronologico202454587\/t-865-08\/\" class=\"_self\" target=\"_self\" >T-865-08<\/a><\/h4>\n<div class=\"pt-cv-content\"> ...<br \/><div class=\"pt-cv-rmwrap\"><a href=\"https:\/\/www.dmsjuridica.com\/buscador_20179478954\/corteconstitucionalcronologico202454587\/t-865-08\/\" class=\"_self pt-cv-readmore btn btn-success\" target=\"_self\">Ver Sentencia Completa...<\/a><\/div><\/div><\/div><\/div>\n<div class=\"col-md-12 col-sm-12 col-xs-12 pt-cv-content-item pt-cv-1-col\" ><div class='pt-cv-ifield'><a href=\"https:\/\/www.dmsjuridica.com\/buscador_20179478954\/corteconstitucionalcronologico202454587\/t-856-08\/\" class=\"_self pt-cv-href-thumbnail pt-cv-thumb-default\" target=\"_self\" ><\/a>\n<div class=\"pt-cv-taxoterm above_title\"><a href='https:\/\/www.dmsjuridica.com\/buscador_20179478954\/corteconstitucionalcronologico202454587\/category\/buscar-en-toda-la-corte\/2008\/tutelas-2008\/' title='Tutelas 2008' class='pt-cv-tax-tutelas-2008'>Tutelas 2008<\/a><\/div>\n<h4 class=\"pt-cv-title\"><a href=\"https:\/\/www.dmsjuridica.com\/buscador_20179478954\/corteconstitucionalcronologico202454587\/t-856-08\/\" class=\"_self\" target=\"_self\" >T-856-08<\/a><\/h4>\n<div class=\"pt-cv-content\"> ...<br \/><div class=\"pt-cv-rmwrap\"><a href=\"https:\/\/www.dmsjuridica.com\/buscador_20179478954\/corteconstitucionalcronologico202454587\/t-856-08\/\" class=\"_self pt-cv-readmore btn btn-success\" target=\"_self\">Ver Sentencia Completa...<\/a><\/div><\/div><\/div><\/div>\n<div class=\"col-md-12 col-sm-12 col-xs-12 pt-cv-content-item pt-cv-1-col\" ><div class='pt-cv-ifield'><a href=\"https:\/\/www.dmsjuridica.com\/buscador_20179478954\/corteconstitucionalcronologico202454587\/t-855-08\/\" class=\"_self pt-cv-href-thumbnail pt-cv-thumb-default\" target=\"_self\" ><\/a>\n<div class=\"pt-cv-taxoterm above_title\"><a href='https:\/\/www.dmsjuridica.com\/buscador_20179478954\/corteconstitucionalcronologico202454587\/category\/buscar-en-toda-la-corte\/2008\/tutelas-2008\/' title='Tutelas 2008' class='pt-cv-tax-tutelas-2008'>Tutelas 2008<\/a><\/div>\n<h4 class=\"pt-cv-title\"><a href=\"https:\/\/www.dmsjuridica.com\/buscador_20179478954\/corteconstitucionalcronologico202454587\/t-855-08\/\" class=\"_self\" target=\"_self\" >T-855-08<\/a><\/h4>\n<div class=\"pt-cv-content\">\u00a0 \u00a0 Sentencia T-855\/08 \u00a0 INDEXACION DE LA PRIMERA MESADA PENSIONAL-Reiteraci\u00f3n de jurisprudencia \u00a0 DERECHO A MANTENER EL PODER ADQUISITIVO DE LAS PENSIONES-Reiteraci\u00f3n de jurisprudencia \u00a0 ACCION DE TUTELA CONTRA PROVIDENCIAS JUDICIALES-Procedencia excepcional\/ACCION DE TUTELA CONTRA PROVIDENCIAS JUDICIALES-Requisitos generales y especiales de procedibilidad \u00a0 CONSEJOS SECCIONAL Y SUPERIOR DE LA JUDICATURA-Competencia para conocer en primera y segunda instancia de la presente acci\u00f3n de tutela \u00a0 DERECHO A MANTENER EL PODER ADQUISITIVO DE LAS PENSIONES Y LA INDEXACION DE LA PRIMERA MESADA-No cabe ning\u00fan trato diferenciado, ni siquiera por el transcurso del tiempo\/DERECHO A MANTENER EL PODER ADQUISITIVO DE LAS PENSIONES ...<br \/><div class=\"pt-cv-rmwrap\"><a href=\"https:\/\/www.dmsjuridica.com\/buscador_20179478954\/corteconstitucionalcronologico202454587\/t-855-08\/\" class=\"_self pt-cv-readmore btn btn-success\" target=\"_self\">Ver Sentencia Completa...<\/a><\/div><\/div><\/div><\/div>\n<div class=\"col-md-12 col-sm-12 col-xs-12 pt-cv-content-item pt-cv-1-col\" ><div class='pt-cv-ifield'><a href=\"https:\/\/www.dmsjuridica.com\/buscador_20179478954\/corteconstitucionalcronologico202454587\/t-854-08\/\" class=\"_self pt-cv-href-thumbnail pt-cv-thumb-default\" target=\"_self\" ><\/a>\n<div class=\"pt-cv-taxoterm above_title\"><a href='https:\/\/www.dmsjuridica.com\/buscador_20179478954\/corteconstitucionalcronologico202454587\/category\/buscar-en-toda-la-corte\/2008\/tutelas-2008\/' title='Tutelas 2008' class='pt-cv-tax-tutelas-2008'>Tutelas 2008<\/a><\/div>\n<h4 class=\"pt-cv-title\"><a href=\"https:\/\/www.dmsjuridica.com\/buscador_20179478954\/corteconstitucionalcronologico202454587\/t-854-08\/\" class=\"_self\" target=\"_self\" >T-854-08<\/a><\/h4>\n<div class=\"pt-cv-content\">\u00a0 \u00a0 Sentencia T-854\/08 \u00a0 DERECHO A LA SALUD-Incorpora el derecho al diagn\u00f3stico\/DERECHO A LA SALUD-Supone un tratamiento adecuado y eficiente y la continuidad del servicio\u00a0 \u00a0 Esta Corte se ha pronunciado sobre el derecho a la prestaci\u00f3n igualitaria, universal, contin\u00faa, permanente y sin interrupciones, de los servicios de atenci\u00f3n m\u00e9dica y de recuperaci\u00f3n de la salud. Estas obligaciones cobran especial relevancia en relaci\u00f3n con la protecci\u00f3n del derecho constitucional fundamental a la salud. La Corte ha entendido que el amparo de este derecho est\u00e1 conectado en forma estrecha con la existencia de un diagn\u00f3stico oportuno, de un tratamiento adecuado ...<br \/><div class=\"pt-cv-rmwrap\"><a href=\"https:\/\/www.dmsjuridica.com\/buscador_20179478954\/corteconstitucionalcronologico202454587\/t-854-08\/\" class=\"_self pt-cv-readmore btn btn-success\" target=\"_self\">Ver Sentencia Completa...<\/a><\/div><\/div><\/div><\/div>\n<div class=\"col-md-12 col-sm-12 col-xs-12 pt-cv-content-item pt-cv-1-col\" ><div class='pt-cv-ifield'><a href=\"https:\/\/www.dmsjuridica.com\/buscador_20179478954\/corteconstitucionalcronologico202454587\/t-853-08\/\" class=\"_self pt-cv-href-thumbnail pt-cv-thumb-default\" target=\"_self\" ><\/a>\n<div class=\"pt-cv-taxoterm above_title\"><a href='https:\/\/www.dmsjuridica.com\/buscador_20179478954\/corteconstitucionalcronologico202454587\/category\/buscar-en-toda-la-corte\/2008\/tutelas-2008\/' title='Tutelas 2008' class='pt-cv-tax-tutelas-2008'>Tutelas 2008<\/a><\/div>\n<h4 class=\"pt-cv-title\"><a href=\"https:\/\/www.dmsjuridica.com\/buscador_20179478954\/corteconstitucionalcronologico202454587\/t-853-08\/\" class=\"_self\" target=\"_self\" >T-853-08<\/a><\/h4>\n<div class=\"pt-cv-content\"> ...<br \/><div class=\"pt-cv-rmwrap\"><a href=\"https:\/\/www.dmsjuridica.com\/buscador_20179478954\/corteconstitucionalcronologico202454587\/t-853-08\/\" class=\"_self pt-cv-readmore btn btn-success\" target=\"_self\">Ver Sentencia Completa...<\/a><\/div><\/div><\/div><\/div>\n<div class=\"col-md-12 col-sm-12 col-xs-12 pt-cv-content-item pt-cv-1-col\" ><div class='pt-cv-ifield'><a href=\"https:\/\/www.dmsjuridica.com\/buscador_20179478954\/corteconstitucionalcronologico202454587\/t-852-08\/\" class=\"_self pt-cv-href-thumbnail pt-cv-thumb-default\" target=\"_self\" ><\/a>\n<div class=\"pt-cv-taxoterm above_title\"><a href='https:\/\/www.dmsjuridica.com\/buscador_20179478954\/corteconstitucionalcronologico202454587\/category\/buscar-en-toda-la-corte\/2008\/tutelas-2008\/' title='Tutelas 2008' class='pt-cv-tax-tutelas-2008'>Tutelas 2008<\/a><\/div>\n<h4 class=\"pt-cv-title\"><a href=\"https:\/\/www.dmsjuridica.com\/buscador_20179478954\/corteconstitucionalcronologico202454587\/t-852-08\/\" class=\"_self\" target=\"_self\" >T-852-08<\/a><\/h4>\n<div class=\"pt-cv-content\">TERMINACION DE CONTRATO DE TRABAJO POR INCAPACIDAD DE 180 DIAS-Diferencias cuando se trata de despido como consecuencia de incapacidad por accidente de trabajo y en aquellos casos que son consecuencia de una enfermedad general \u00a0 PRINCIPIO DE CONTINUIDAD EN EL SERVICIO PUBLICO DE SALUD-reiteraci\u00f3n de jurisprudencia \u00a0 Para los eventos en que la incapacidad exceda el per\u00edodo de los 180 d\u00edas, la legislaci\u00f3n no dispone nada respecto del pago de un auxilio ni tampoco en lo que concierne a la continuidad en la atenci\u00f3n que ven\u00eda prestando la EPS. Sin embargo, con el fin de garantizar los derechos fundamentales de ...<br \/><div class=\"pt-cv-rmwrap\"><a href=\"https:\/\/www.dmsjuridica.com\/buscador_20179478954\/corteconstitucionalcronologico202454587\/t-852-08\/\" class=\"_self pt-cv-readmore btn btn-success\" target=\"_self\">Ver Sentencia Completa...<\/a><\/div><\/div><\/div><\/div>\n<div class=\"col-md-12 col-sm-12 col-xs-12 pt-cv-content-item pt-cv-1-col\" ><div class='pt-cv-ifield'><a href=\"https:\/\/www.dmsjuridica.com\/buscador_20179478954\/corteconstitucionalcronologico202454587\/t-851-08\/\" class=\"_self pt-cv-href-thumbnail pt-cv-thumb-default\" target=\"_self\" ><\/a>\n<div class=\"pt-cv-taxoterm above_title\"><a href='https:\/\/www.dmsjuridica.com\/buscador_20179478954\/corteconstitucionalcronologico202454587\/category\/buscar-en-toda-la-corte\/2008\/tutelas-2008\/' title='Tutelas 2008' class='pt-cv-tax-tutelas-2008'>Tutelas 2008<\/a><\/div>\n<h4 class=\"pt-cv-title\"><a href=\"https:\/\/www.dmsjuridica.com\/buscador_20179478954\/corteconstitucionalcronologico202454587\/t-851-08\/\" class=\"_self\" target=\"_self\" >T-851-08<\/a><\/h4>\n<div class=\"pt-cv-content\">\u00a0 \u00a0 Sentencia T-851\/08 \u00a0 ACCION DE TUTELA-Hecho superado por cuanto ya se prest\u00f3 atenci\u00f3n m\u00e9dica requerida \u00a0 LEGITIMACION POR ACTIVA EN TUTELA-Abuela en representaci\u00f3n de nieto \u00a0 INDEMNIZACION DE PERJUICIOS-No hay prueba del perjuicio ocasionado y la accionante conserva el derecho de acudir a la autoridad judicial competente \u00a0 Referencia: expediente T-1\u2019838.120 \u00a0 Accionante: Dilia Josefa Miranda Torres en representaci\u00f3n del menor Diego Alejandro Bernal Hern\u00e1ndez \u00a0 Accionado: A.R.S. COMFENALCO y otro. \u00a0 Procedencia: Juzgado Segundo Civil del Circuito de Itag\u00fc\u00ed-Antioquia \u00a0 Dr. MARCO GERARDO MONROY CABRA \u00a0 Bogot\u00e1 D.C., veintiocho (28) de agosto de dos mil ocho (2008) ...<br \/><div class=\"pt-cv-rmwrap\"><a href=\"https:\/\/www.dmsjuridica.com\/buscador_20179478954\/corteconstitucionalcronologico202454587\/t-851-08\/\" class=\"_self pt-cv-readmore btn btn-success\" target=\"_self\">Ver Sentencia Completa...<\/a><\/div><\/div><\/div><\/div>\n<div class=\"col-md-12 col-sm-12 col-xs-12 pt-cv-content-item pt-cv-1-col\" ><div class='pt-cv-ifield'><a href=\"https:\/\/www.dmsjuridica.com\/buscador_20179478954\/corteconstitucionalcronologico202454587\/t-850-08\/\" class=\"_self pt-cv-href-thumbnail pt-cv-thumb-default\" target=\"_self\" ><\/a>\n<div class=\"pt-cv-taxoterm above_title\"><a href='https:\/\/www.dmsjuridica.com\/buscador_20179478954\/corteconstitucionalcronologico202454587\/category\/buscar-en-toda-la-corte\/2008\/tutelas-2008\/' title='Tutelas 2008' class='pt-cv-tax-tutelas-2008'>Tutelas 2008<\/a><\/div>\n<h4 class=\"pt-cv-title\"><a href=\"https:\/\/www.dmsjuridica.com\/buscador_20179478954\/corteconstitucionalcronologico202454587\/t-850-08\/\" class=\"_self\" target=\"_self\" >T-850-08<\/a><\/h4>\n<div class=\"pt-cv-content\">\u00a0 \u00a0 Sentencia T-850\/08 \u00a0 ACCION DE TUTELA-Procedencia excepcional para reconocimiento y pago de acreencias pensionales \u00a0 INDEMNIZACION SUSTITUTIVA DE PENSION DE VEJEZ-Requisitos \u00a0 INDEMNIZACION SUSTITUTIVA DE PENSION DE VEJEZ- Reconocimiento de acuerdo con las semanas de cotizaci\u00f3n que se encuentren debidamente acreditadas y de conformidad con el Art\u00edculo 37 de la Ley 100\/93 y dem\u00e1s normas concordantes \u00a0 Referencia: expediente T-1\u2019807.806 \u00a0 Accionante: Alejandro Sierra Ben\u00edtez \u00a0 Accionado: Departamento del Tolima \u00a0 \u00a0 \u00a0 Procedencia: Juzgado 8 Administrativo del Circuito de Ibagu\u00e9, Tolima \u00a0 Magistrado Ponente: \u00a0 Dr. MARCO GERARDO MONROY CABRA \u00a0 Bogot\u00e1 D.C, veintiocho (28) de agosto ...<br \/><div class=\"pt-cv-rmwrap\"><a href=\"https:\/\/www.dmsjuridica.com\/buscador_20179478954\/corteconstitucionalcronologico202454587\/t-850-08\/\" class=\"_self pt-cv-readmore btn btn-success\" target=\"_self\">Ver Sentencia Completa...<\/a><\/div><\/div><\/div><\/div>\n<div class=\"col-md-12 col-sm-12 col-xs-12 pt-cv-content-item pt-cv-1-col\" ><div class='pt-cv-ifield'><a href=\"https:\/\/www.dmsjuridica.com\/buscador_20179478954\/corteconstitucionalcronologico202454587\/t-849-08\/\" class=\"_self pt-cv-href-thumbnail pt-cv-thumb-default\" target=\"_self\" ><\/a>\n<div class=\"pt-cv-taxoterm above_title\"><a href='https:\/\/www.dmsjuridica.com\/buscador_20179478954\/corteconstitucionalcronologico202454587\/category\/buscar-en-toda-la-corte\/2008\/tutelas-2008\/' title='Tutelas 2008' class='pt-cv-tax-tutelas-2008'>Tutelas 2008<\/a><\/div>\n<h4 class=\"pt-cv-title\"><a href=\"https:\/\/www.dmsjuridica.com\/buscador_20179478954\/corteconstitucionalcronologico202454587\/t-849-08\/\" class=\"_self\" target=\"_self\" >T-849-08<\/a><\/h4>\n<div class=\"pt-cv-content\">\u00a0 \u00a0 Sentencia T-849\/08 \u00a0 ACCION DE TUTELA PARA LA DEFENSA DEL DERECHO A LA SALUD-Requisitos de procedencia o presupuestos procesales \u00a0 1) Que la acci\u00f3n se interponga para la defensa de los derechos de rango fundamental.2) Que exista legitimaci\u00f3n en la causa. \u00a0 LEGITIMACION POR ACTIVA-Madre en representaci\u00f3n de hija \u00a0 En el presente caso, la Sala detecta lo siguiente: en relaci\u00f3n con la legitimaci\u00f3n en la causa por activa, observa que no obra en el expediente prueba alguna de que la menor titular de los derechos que se pide tutelar sea efectivamente la hija de quien, a su ...<br \/><div class=\"pt-cv-rmwrap\"><a href=\"https:\/\/www.dmsjuridica.com\/buscador_20179478954\/corteconstitucionalcronologico202454587\/t-849-08\/\" class=\"_self pt-cv-readmore btn btn-success\" target=\"_self\">Ver Sentencia Completa...<\/a><\/div><\/div><\/div><\/div>\n<div class=\"col-md-12 col-sm-12 col-xs-12 pt-cv-content-item pt-cv-1-col\" ><div class='pt-cv-ifield'><a href=\"https:\/\/www.dmsjuridica.com\/buscador_20179478954\/corteconstitucionalcronologico202454587\/t-848-08\/\" class=\"_self pt-cv-href-thumbnail pt-cv-thumb-default\" target=\"_self\" ><\/a>\n<div class=\"pt-cv-taxoterm above_title\"><a href='https:\/\/www.dmsjuridica.com\/buscador_20179478954\/corteconstitucionalcronologico202454587\/category\/buscar-en-toda-la-corte\/2008\/tutelas-2008\/' title='Tutelas 2008' class='pt-cv-tax-tutelas-2008'>Tutelas 2008<\/a><\/div>\n<h4 class=\"pt-cv-title\"><a href=\"https:\/\/www.dmsjuridica.com\/buscador_20179478954\/corteconstitucionalcronologico202454587\/t-848-08\/\" class=\"_self\" target=\"_self\" >T-848-08<\/a><\/h4>\n<div class=\"pt-cv-content\">\u00a0 \u00a0 Sentencia T-848\/08 \u00a0 ACCION DE TUTELA CONTRA PARTICULARES-Procedencia \u00a0 ACCION DE TUTELA CONTRA PARTICULARES-Eventos en los que procede \u00a0 HABEAS DATA-Car\u00e1cter fundamental \u00a0 CENTRALES DE RIESGO Y PROTECCION DEL DERECHO AL HABEAS DATA-Responsabilidades frente a los usuarios del sistema financiero \u00a0 ACCION DE TUTELA-Hecho superado por haberse eliminado el dato moroso de su registro crediticio en DATACREDITO \u00a0 Referencia: expediente T- 1\u00b4798.734. \u00a0 \u00a0 Peticionario: Luis Miguel Solarte Montes. \u00a0 \u00a0 Accionado: Visi\u00f3n Sat\u00e9lite S.A. \u00a0 \u00a0 Magistrado Ponente: \u00a0 Dr. MARCO GERARDO MONROY CABRA. \u00a0 Bogot\u00e1 D.C., \u00a0veintiocho (28) de agosto de dos mil ocho (2008) \u00a0 ...<br \/><div class=\"pt-cv-rmwrap\"><a href=\"https:\/\/www.dmsjuridica.com\/buscador_20179478954\/corteconstitucionalcronologico202454587\/t-848-08\/\" class=\"_self pt-cv-readmore btn btn-success\" target=\"_self\">Ver Sentencia Completa...<\/a><\/div><\/div><\/div><\/div>\n<div class=\"col-md-12 col-sm-12 col-xs-12 pt-cv-content-item pt-cv-1-col\" ><div class='pt-cv-ifield'><a href=\"https:\/\/www.dmsjuridica.com\/buscador_20179478954\/corteconstitucionalcronologico202454587\/t-847-08\/\" class=\"_self pt-cv-href-thumbnail pt-cv-thumb-default\" target=\"_self\" ><\/a>\n<div class=\"pt-cv-taxoterm above_title\"><a href='https:\/\/www.dmsjuridica.com\/buscador_20179478954\/corteconstitucionalcronologico202454587\/category\/buscar-en-toda-la-corte\/2008\/tutelas-2008\/' title='Tutelas 2008' class='pt-cv-tax-tutelas-2008'>Tutelas 2008<\/a><\/div>\n<h4 class=\"pt-cv-title\"><a href=\"https:\/\/www.dmsjuridica.com\/buscador_20179478954\/corteconstitucionalcronologico202454587\/t-847-08\/\" class=\"_self\" target=\"_self\" >T-847-08<\/a><\/h4>\n<div class=\"pt-cv-content\">\u00a0 \u00a0 Sentencia T-847\/08 \u00a0 PENSION DE SOBREVIVIENTES-Procedencia excepcional de tutela \u00a0 PENSION DE SOBREVIVIENTES-Finalidad \u00a0 PENSION DE SOBREVIVIENTES-Beneficiarios del pensionado \u00a0 ACCION DE TUTELA-Subsidiariedad\/ACCION DE TUTELA-Improcedencia para revivir t\u00e9rminos de caducidad \u00a0 UNION MARITAL DE HECHO-Mecanismos para declarar su existencia \u00a0 ACCION DE TUTELA EN MATERIA DE PENSION DE SOBREVIVIENTES-Procedencia como mecanismo transitorio mientras se dicta sentencia para reconocimiento de uni\u00f3n marital de hecho \u00a0 Referencia: expediente T-1909727 \u00a0 Acci\u00f3n de tutela instaurada por Francia Edith Ortiz Vanegas contra La Previsora Vida S.A \u00a0 Magistrado Ponente: \u00a0 Dr. MANUEL JOS\u00c9 CEPEDA ESPINOSA \u00a0 Bogot\u00e1 D.C., veintiocho (28) de agosto ...<br \/><div class=\"pt-cv-rmwrap\"><a href=\"https:\/\/www.dmsjuridica.com\/buscador_20179478954\/corteconstitucionalcronologico202454587\/t-847-08\/\" class=\"_self pt-cv-readmore btn btn-success\" target=\"_self\">Ver Sentencia Completa...<\/a><\/div><\/div><\/div><\/div>\n<div class=\"col-md-12 col-sm-12 col-xs-12 pt-cv-content-item pt-cv-1-col\" ><div class='pt-cv-ifield'><a href=\"https:\/\/www.dmsjuridica.com\/buscador_20179478954\/corteconstitucionalcronologico202454587\/t-846-08\/\" class=\"_self pt-cv-href-thumbnail pt-cv-thumb-default\" target=\"_self\" ><\/a>\n<div class=\"pt-cv-taxoterm above_title\"><a href='https:\/\/www.dmsjuridica.com\/buscador_20179478954\/corteconstitucionalcronologico202454587\/category\/buscar-en-toda-la-corte\/2008\/tutelas-2008\/' title='Tutelas 2008' class='pt-cv-tax-tutelas-2008'>Tutelas 2008<\/a><\/div>\n<h4 class=\"pt-cv-title\"><a href=\"https:\/\/www.dmsjuridica.com\/buscador_20179478954\/corteconstitucionalcronologico202454587\/t-846-08\/\" class=\"_self\" target=\"_self\" >T-846-08<\/a><\/h4>\n<div class=\"pt-cv-content\">\u00a0 \u00a0 Sentencia T-846\/08 \u00a0 INCAPACIDAD LABORAL-Requisitos para el pago han sido definidos en los Decretos reglamentarios de la Ley 100 de 1993 \u00a0 ALLANAMIENTO A LA MORA EN INCAPACIDAD LABORAL \u00a0 Referencia: expediente T-1940480 \u00a0 Acci\u00f3n de tutela instaurada por Manuel Rodelo Z\u00fa\u00f1iga contra el Instituto de Seguro Social EPS \u00a0 Magistrado Ponente: \u00a0 Dr. MANUEL JOS\u00c9 CEPEDA ESPINOSA \u00a0 Bogot\u00e1 D.C., veintiocho (28) de agosto de dos mil ocho (2008). \u00a0 La Sala Segunda de Revisi\u00f3n de la Corte Constitucional, integrada por los magistrados, Manuel Jos\u00e9 Cepeda Espinosa, Jaime C\u00f3rdoba Trivi\u00f1o y Rodrigo Escobar Gil, en ejercicio de ...<br \/><div class=\"pt-cv-rmwrap\"><a href=\"https:\/\/www.dmsjuridica.com\/buscador_20179478954\/corteconstitucionalcronologico202454587\/t-846-08\/\" class=\"_self pt-cv-readmore btn btn-success\" target=\"_self\">Ver Sentencia Completa...<\/a><\/div><\/div><\/div><\/div>\n<div class=\"col-md-12 col-sm-12 col-xs-12 pt-cv-content-item pt-cv-1-col\" ><div class='pt-cv-ifield'><a href=\"https:\/\/www.dmsjuridica.com\/buscador_20179478954\/corteconstitucionalcronologico202454587\/t-845-08\/\" class=\"_self pt-cv-href-thumbnail pt-cv-thumb-default\" target=\"_self\" ><\/a>\n<div class=\"pt-cv-taxoterm above_title\"><a href='https:\/\/www.dmsjuridica.com\/buscador_20179478954\/corteconstitucionalcronologico202454587\/category\/buscar-en-toda-la-corte\/2008\/tutelas-2008\/' title='Tutelas 2008' class='pt-cv-tax-tutelas-2008'>Tutelas 2008<\/a><\/div>\n<h4 class=\"pt-cv-title\"><a href=\"https:\/\/www.dmsjuridica.com\/buscador_20179478954\/corteconstitucionalcronologico202454587\/t-845-08\/\" class=\"_self\" target=\"_self\" >T-845-08<\/a><\/h4>\n<div class=\"pt-cv-content\">\u00a0 \u00a0 Sentencia T-845\/08\u00a0 \u00a0 ACCION DE TUTELA-Improcedencia para reintegro de trabajadores con fuero sindical despedidos sin previa autorizaci\u00f3n judicial \u00a0 ACCION DE TUTELA-Procedencia excepcional para el restablecimiento de derechos de trabajadores con fuero sindical \u00a0 ACCION DE TUTELA-Casos en que procede excepcionalmente y de manera transitoria el restablecimiento de derechos de trabajadores con fuero sindical \u00a0 ACCION DE TUTELA-Improcedencia para el restablecimiento de derechos de trabajadores con fuero sindical por existencia de otro mecanismo y por no estar demostrada la situaci\u00f3n excepcional que amerite su procedencia como mecanismo transitorio \u00a0 Referencia: expediente T-1788044 \u00a0 Acci\u00f3n de tutela instaurada por ...<br \/><div class=\"pt-cv-rmwrap\"><a href=\"https:\/\/www.dmsjuridica.com\/buscador_20179478954\/corteconstitucionalcronologico202454587\/t-845-08\/\" class=\"_self pt-cv-readmore btn btn-success\" target=\"_self\">Ver Sentencia Completa...<\/a><\/div><\/div><\/div><\/div>\n<div class=\"col-md-12 col-sm-12 col-xs-12 pt-cv-content-item pt-cv-1-col\" ><div class='pt-cv-ifield'><a href=\"https:\/\/www.dmsjuridica.com\/buscador_20179478954\/corteconstitucionalcronologico202454587\/t-844-08\/\" class=\"_self pt-cv-href-thumbnail pt-cv-thumb-default\" target=\"_self\" ><\/a>\n<div class=\"pt-cv-taxoterm above_title\"><a href='https:\/\/www.dmsjuridica.com\/buscador_20179478954\/corteconstitucionalcronologico202454587\/category\/buscar-en-toda-la-corte\/2008\/tutelas-2008\/' title='Tutelas 2008' class='pt-cv-tax-tutelas-2008'>Tutelas 2008<\/a><\/div>\n<h4 class=\"pt-cv-title\"><a href=\"https:\/\/www.dmsjuridica.com\/buscador_20179478954\/corteconstitucionalcronologico202454587\/t-844-08\/\" class=\"_self\" target=\"_self\" >T-844-08<\/a><\/h4>\n<div class=\"pt-cv-content\">\u00a0 \u00a0 Sentencia T-844\/08 \u00a0 ACCION DE TUTELA CONTRA PROVIDENCIAS JUDICIALES-Requisitos generales de procedibilidad \u00a0 ACCION DE TUTELA CONTRA PROVIDENCIAS JUDICIALES Y PRINCIPIO DE INMEDIATEZ-Factores relevantes que deben tenerse en cuenta al efectuar el an\u00e1lisis de razonabilidad \u00a0 ACCION DE TUTELA TRANSITORIA PARA RECONOCIMIENTO DE SUSTITUCION PENSIONAL-Improcedencia por el incumplimiento del requisito de inmediatez \u00a0 Reiteraci\u00f3n de jurisprudencia \u00a0 Referencia: expediente T-1.899.644 \u00a0 Acci\u00f3n de tutela interpuesta por Mar\u00eda M\u00e9lida Caycedo Ram\u00edrez, en representaci\u00f3n de su hija Sandra Maritza Caycedo Caycedo, contra la Sala Laboral del Tribunal Superior de Ibagu\u00e9 y el Departamento del Tolima. \u00a0 Magistrado Ponente: \u00a0 Dr ...<br \/><div class=\"pt-cv-rmwrap\"><a href=\"https:\/\/www.dmsjuridica.com\/buscador_20179478954\/corteconstitucionalcronologico202454587\/t-844-08\/\" class=\"_self pt-cv-readmore btn btn-success\" target=\"_self\">Ver Sentencia Completa...<\/a><\/div><\/div><\/div><\/div>\n<div class=\"col-md-12 col-sm-12 col-xs-12 pt-cv-content-item pt-cv-1-col\" ><div class='pt-cv-ifield'><a href=\"https:\/\/www.dmsjuridica.com\/buscador_20179478954\/corteconstitucionalcronologico202454587\/t-843-08\/\" class=\"_self pt-cv-href-thumbnail pt-cv-thumb-default\" target=\"_self\" ><\/a>\n<div class=\"pt-cv-taxoterm above_title\"><a href='https:\/\/www.dmsjuridica.com\/buscador_20179478954\/corteconstitucionalcronologico202454587\/category\/buscar-en-toda-la-corte\/2008\/tutelas-2008\/' title='Tutelas 2008' class='pt-cv-tax-tutelas-2008'>Tutelas 2008<\/a><\/div>\n<h4 class=\"pt-cv-title\"><a href=\"https:\/\/www.dmsjuridica.com\/buscador_20179478954\/corteconstitucionalcronologico202454587\/t-843-08\/\" class=\"_self\" target=\"_self\" >T-843-08<\/a><\/h4>\n<div class=\"pt-cv-content\">\u00a0 \u00a0 Sentencia T-843\/08 \u00a0 ACCION DE TUTELA CONTRA PROVIDENCIAS JUDICIALES-Improcedencia cuando las partes omiten acudir a otro medio de defensa judicial \u00a0 Referencia: expediente T-1.922.907 \u00a0 Acci\u00f3n de tutela de Consuelo de Jes\u00fas Agudelo Castro contra las Direcciones Seccional y Nacional de Auditor\u00eda Disciplinaria del Seguro Social\u00a0 \u00a0 Magistrado Ponente: \u00a0 Dr. JAIME C\u00d3RDOBA TRIVI\u00d1O \u00a0 Bogot\u00e1, D.C., veintiocho (28) de agosto de dos mil ocho (2008). \u00a0 SENTENCIA \u00a0 en el tr\u00e1mite de revisi\u00f3n de los fallos proferidos por el Juzgado Segundo Administrativo del Circuito de Villavicencio y el H. Tribunal Contencioso Administrativo del Meta, para resolver la ...<br \/><div class=\"pt-cv-rmwrap\"><a href=\"https:\/\/www.dmsjuridica.com\/buscador_20179478954\/corteconstitucionalcronologico202454587\/t-843-08\/\" class=\"_self pt-cv-readmore btn btn-success\" target=\"_self\">Ver Sentencia Completa...<\/a><\/div><\/div><\/div><\/div>\n<div class=\"col-md-12 col-sm-12 col-xs-12 pt-cv-content-item pt-cv-1-col\" ><div class='pt-cv-ifield'><a href=\"https:\/\/www.dmsjuridica.com\/buscador_20179478954\/corteconstitucionalcronologico202454587\/t-837-08\/\" class=\"_self pt-cv-href-thumbnail pt-cv-thumb-default\" target=\"_self\" ><\/a>\n<div class=\"pt-cv-taxoterm above_title\"><a href='https:\/\/www.dmsjuridica.com\/buscador_20179478954\/corteconstitucionalcronologico202454587\/category\/buscar-en-toda-la-corte\/2008\/tutelas-2008\/' title='Tutelas 2008' class='pt-cv-tax-tutelas-2008'>Tutelas 2008<\/a><\/div>\n<h4 class=\"pt-cv-title\"><a href=\"https:\/\/www.dmsjuridica.com\/buscador_20179478954\/corteconstitucionalcronologico202454587\/t-837-08\/\" class=\"_self\" target=\"_self\" >T-837-08<\/a><\/h4>\n<div class=\"pt-cv-content\">\u00a0 \u00a0 Sentencia T-837\/08 \u00a0 HISTORIA CLINICA-Documento privado sometido a reserva \u00a0 RESERVA DE HISTORIA CLINICA-Sujetos autorizados para examinarla \u00a0 HISTORIA CLINICA-Acceso al documento por parte del n\u00facleo familiar del fallecido \u00a0 HISTORIA CLINICA-Jurisprudencia acerca de la posibilidad de que familiares y terceros tengan acceso en el caso de un paciente fallecido \u00a0 HISTORIA CLINICA-Reserva no desaparece por fallecimiento del titular del derecho \u00a0 \u00a0 \u00a0 HISTORIA CLINICA-Imposibilidad de aplicaci\u00f3n de la reserva frente a familiares \u00a0 \u00a0 \u00a0 HISTORIA CLINICA-Fundamento en el acceso de familiares m\u00e1s pr\u00f3ximos de quien fallece \u00a0 HISTORIA CLINICA-Requisitos para acceder al documento por parte ...<br \/><div class=\"pt-cv-rmwrap\"><a href=\"https:\/\/www.dmsjuridica.com\/buscador_20179478954\/corteconstitucionalcronologico202454587\/t-837-08\/\" class=\"_self pt-cv-readmore btn btn-success\" target=\"_self\">Ver Sentencia Completa...<\/a><\/div><\/div><\/div><\/div>\n<div class=\"col-md-12 col-sm-12 col-xs-12 pt-cv-content-item pt-cv-1-col\" ><div class='pt-cv-ifield'><a href=\"https:\/\/www.dmsjuridica.com\/buscador_20179478954\/corteconstitucionalcronologico202454587\/t-836-08\/\" class=\"_self pt-cv-href-thumbnail pt-cv-thumb-default\" target=\"_self\" ><\/a>\n<div class=\"pt-cv-taxoterm above_title\"><a href='https:\/\/www.dmsjuridica.com\/buscador_20179478954\/corteconstitucionalcronologico202454587\/category\/buscar-en-toda-la-corte\/2008\/tutelas-2008\/' title='Tutelas 2008' class='pt-cv-tax-tutelas-2008'>Tutelas 2008<\/a><\/div>\n<h4 class=\"pt-cv-title\"><a href=\"https:\/\/www.dmsjuridica.com\/buscador_20179478954\/corteconstitucionalcronologico202454587\/t-836-08\/\" class=\"_self\" target=\"_self\" >T-836-08<\/a><\/h4>\n<div class=\"pt-cv-content\">\u00a0 \u00a0 Sentencia T-836\/08\u00a0 \u00a0 LEGITIMACION POR ACTIVA\/AGENCIA OFICIOSA-Elementos para que proceda \u00a0 De acuerdo con la jurisprudencia de esta Corporaci\u00f3n, para que proceda la agencia oficiosa en materia de tutela se requiere que confluyan dos elementos a saber: (i) que el afectado se encuentre en la imposibilidad de adelantar la defensa de sus derechos fundamentales, y (ii) que en la solicitud de protecci\u00f3n se manifiesten de manera clara y expresa las razones por las cuales el titular de los derechos se encuentra en esa situaci\u00f3n, con la correspondiente prueba. \u00a0 CONTROVERSIAS DE TIPO CONTRACTUAL-Improcedencia \u201cprima facie\u201d de la tutela ...<br \/><div class=\"pt-cv-rmwrap\"><a href=\"https:\/\/www.dmsjuridica.com\/buscador_20179478954\/corteconstitucionalcronologico202454587\/t-836-08\/\" class=\"_self pt-cv-readmore btn btn-success\" target=\"_self\">Ver Sentencia Completa...<\/a><\/div><\/div><\/div><\/div>\n<div class=\"col-md-12 col-sm-12 col-xs-12 pt-cv-content-item pt-cv-1-col\" ><div class='pt-cv-ifield'><a href=\"https:\/\/www.dmsjuridica.com\/buscador_20179478954\/corteconstitucionalcronologico202454587\/t-834-08\/\" class=\"_self pt-cv-href-thumbnail pt-cv-thumb-default\" target=\"_self\" ><\/a>\n<div class=\"pt-cv-taxoterm above_title\"><a href='https:\/\/www.dmsjuridica.com\/buscador_20179478954\/corteconstitucionalcronologico202454587\/category\/buscar-en-toda-la-corte\/2008\/tutelas-2008\/' title='Tutelas 2008' class='pt-cv-tax-tutelas-2008'>Tutelas 2008<\/a><\/div>\n<h4 class=\"pt-cv-title\"><a href=\"https:\/\/www.dmsjuridica.com\/buscador_20179478954\/corteconstitucionalcronologico202454587\/t-834-08\/\" class=\"_self\" target=\"_self\" >T-834-08<\/a><\/h4>\n<div class=\"pt-cv-content\">\u00a0 \u00a0 \u00a0 \u00a0 Sentencia T-834\/08 \u00a0 DERECHO DE PETICION-Reiteraci\u00f3n de jurisprudencia \u00a0 DERECHO DE PETICION-Reglas jurisprudenciales \u00a0 DERECHO DE PETICION-Contenido y alcance \u00a0 DERECHO DE PETICION EN MATERIA PENSIONAL-T\u00e9rminos para resolver \u00a0 PRINCIPIO DE INMEDIATEZ Y PROCEDIBILIDAD DE LA ACCION DE TUTELA-Debe ponderarse bajo el criterio del plazo razonable y oportuno \u00a0 Referencia: expediente T-1902957. \u00a0 Acci\u00f3n de tutela instaurada mediante apoderado por Isabel Cristina G\u00f3mez Arias, contra la Caja Nacional de Previsi\u00f3n Social. \u00a0 Procedencia: Juzgado 1\u00b0 Laboral del Circuito de Bogota.\u00a0 \u00a0 Magistrado Ponente:\u00a0 \u00a0 Dr. NILSON PINILLA PINILLA. \u00a0 Bogot\u00e1, D. C., veintid\u00f3s (22) de agosto ...<br \/><div class=\"pt-cv-rmwrap\"><a href=\"https:\/\/www.dmsjuridica.com\/buscador_20179478954\/corteconstitucionalcronologico202454587\/t-834-08\/\" class=\"_self pt-cv-readmore btn btn-success\" target=\"_self\">Ver Sentencia Completa...<\/a><\/div><\/div><\/div><\/div>\n<div class=\"col-md-12 col-sm-12 col-xs-12 pt-cv-content-item pt-cv-1-col\" ><div class='pt-cv-ifield'><a href=\"https:\/\/www.dmsjuridica.com\/buscador_20179478954\/corteconstitucionalcronologico202454587\/t-833-08\/\" class=\"_self pt-cv-href-thumbnail pt-cv-thumb-default\" target=\"_self\" ><\/a>\n<div class=\"pt-cv-taxoterm above_title\"><a href='https:\/\/www.dmsjuridica.com\/buscador_20179478954\/corteconstitucionalcronologico202454587\/category\/buscar-en-toda-la-corte\/2008\/tutelas-2008\/' title='Tutelas 2008' class='pt-cv-tax-tutelas-2008'>Tutelas 2008<\/a><\/div>\n<h4 class=\"pt-cv-title\"><a href=\"https:\/\/www.dmsjuridica.com\/buscador_20179478954\/corteconstitucionalcronologico202454587\/t-833-08\/\" class=\"_self\" target=\"_self\" >T-833-08<\/a><\/h4>\n<div class=\"pt-cv-content\">(Agosto 22 de 2008) \u00a0 DERECHO DE PETICION-Consagraci\u00f3n constitucional \u00a0 DERECHO DE PETICION-Naturaleza y contenido \u00a0 DERECHO DE PETICION-Susceptible de ser protegido por v\u00eda de tutela \u00a0 DERECHO DE PETICION-Solicitud de documentos necesarios para poder acceder a la pensi\u00f3n \u00a0 Referencia: Expediente T- 1.570.906\u00a0 \u00a0 Accionante: Mar\u00eda Esneda Monsalve Bedoya \u00a0 Accionado: Direcci\u00f3n Territorial de Salud de Caldas, Hospital San Vicente de Pa\u00fal de Aranzazu Caldas- Hogar del Anciano Santa Catalina de Aranzazu Caldas y \u00a0Fondo de Pensiones Santander. \u00a0 \u00a0 Fallo de tutela objeto de revisi\u00f3n: Sentencia del 14 de noviembre de 2007 del Juzgado Diecisiete Penal del Circuito ...<br \/><div class=\"pt-cv-rmwrap\"><a href=\"https:\/\/www.dmsjuridica.com\/buscador_20179478954\/corteconstitucionalcronologico202454587\/t-833-08\/\" class=\"_self pt-cv-readmore btn btn-success\" target=\"_self\">Ver Sentencia Completa...<\/a><\/div><\/div><\/div><\/div>\n<div class=\"col-md-12 col-sm-12 col-xs-12 pt-cv-content-item pt-cv-1-col\" ><div class='pt-cv-ifield'><a href=\"https:\/\/www.dmsjuridica.com\/buscador_20179478954\/corteconstitucionalcronologico202454587\/t-832-08\/\" class=\"_self pt-cv-href-thumbnail pt-cv-thumb-default\" target=\"_self\" ><\/a>\n<div class=\"pt-cv-taxoterm above_title\"><a href='https:\/\/www.dmsjuridica.com\/buscador_20179478954\/corteconstitucionalcronologico202454587\/category\/buscar-en-toda-la-corte\/2008\/tutelas-2008\/' title='Tutelas 2008' class='pt-cv-tax-tutelas-2008'>Tutelas 2008<\/a><\/div>\n<h4 class=\"pt-cv-title\"><a href=\"https:\/\/www.dmsjuridica.com\/buscador_20179478954\/corteconstitucionalcronologico202454587\/t-832-08\/\" class=\"_self\" target=\"_self\" >T-832-08<\/a><\/h4>\n<div class=\"pt-cv-content\">\u00a0 \u00a0 SENTENCIA T-832\/08 \u00a0 (Agosto 22 de 2008) \u00a0 CUMPLIMIENTO DE SENTENCIAS JUDICIALES-Imperativo del Estado Social de Derecho \u00a0 ACCION DE TUTELA-Procedencia cuando la inejecuci\u00f3n de la sentencia de cumplimiento vulnera un derecho fundamental \u00a0 ACCION DE TUTELA-Cumplimiento de fallos judiciales para hacer efectivas obligaciones de hacer \u00a0 CARRERA ADMINISTRATIVA-Supresi\u00f3n de cargos por reestructuraci\u00f3n administrativa\/CARRERA ADMINISTRATIVA-Indemnizaci\u00f3n por supresi\u00f3n de cargos por reestructuraci\u00f3n administrativa \u00a0 ACCION DE TUTELA PARA CUMPLIMIENTO DE SENTENCIAS-Procedencia en obligaci\u00f3n de hacer dentro del proceso de levantamiento de fuero sindical \u00a0 Referencia: expediente T-1.605.480 \u00a0 Accionante: Antonio Jos\u00e9 Bol\u00edvar Montenegro\u00a0 \u00a0 Accionado: E.S.E. Hospital Regional de ...<br \/><div class=\"pt-cv-rmwrap\"><a href=\"https:\/\/www.dmsjuridica.com\/buscador_20179478954\/corteconstitucionalcronologico202454587\/t-832-08\/\" class=\"_self pt-cv-readmore btn btn-success\" target=\"_self\">Ver Sentencia Completa...<\/a><\/div><\/div><\/div><\/div>\n<div class=\"col-md-12 col-sm-12 col-xs-12 pt-cv-content-item pt-cv-1-col\" ><div class='pt-cv-ifield'><a href=\"https:\/\/www.dmsjuridica.com\/buscador_20179478954\/corteconstitucionalcronologico202454587\/t-831-08\/\" class=\"_self pt-cv-href-thumbnail pt-cv-thumb-default\" target=\"_self\" ><\/a>\n<div class=\"pt-cv-taxoterm above_title\"><a href='https:\/\/www.dmsjuridica.com\/buscador_20179478954\/corteconstitucionalcronologico202454587\/category\/buscar-en-toda-la-corte\/2008\/tutelas-2008\/' title='Tutelas 2008' class='pt-cv-tax-tutelas-2008'>Tutelas 2008<\/a><\/div>\n<h4 class=\"pt-cv-title\"><a href=\"https:\/\/www.dmsjuridica.com\/buscador_20179478954\/corteconstitucionalcronologico202454587\/t-831-08\/\" class=\"_self\" target=\"_self\" >T-831-08<\/a><\/h4>\n<div class=\"pt-cv-content\">\u00a0 \u00a0 SENTENCIA T-831\/08 \u00a0 (agosto 22) \u00a0 ACCION DE TUTELA CONTRA PROVIDENCIAS JUDICIALES-Requisitos generales de procedibilidad \u00a0 ACCION DE TUTELA CONTRA PROVIDENCIAS JUDICIALES-Causales especiales de procedibilidad \u00a0 DEFECTO FACTICO-Configuracion \u00a0 DEFENSA TECNICA-Alcance \u00a0 DEFECTO PROCEDIMENTAL-Desconocimiento del derecho de defensa t\u00e9cnica \u00a0 DERECHO A LA DEFENSA TECNICA-Vulneraci\u00f3n al n\u00facleo esencial \u00a0 ACCION DE TUTELA CONTRA PROVIDENCIAS JUDICIALES POR VULNERACION AL DERECHO A LA DEFENSA TECNICA-Causales gen\u00e9ricas de procedibilidad \u00a0 ACCION DE TUTELA CONTRA PROVIDENCIAS JUDICIALES POR VULNERACION AL DERECHO A LA DEFENSA TECNICA-Improcedencia \u00a0 ACCION DE TUTELA CONTRA PROVIDENCIAS JUDICIALES-Improcedencia por inexistencia de defecto f\u00e1ctico \u00a0 Referencia: expediente T- 1.626.207 ...<br \/><div class=\"pt-cv-rmwrap\"><a href=\"https:\/\/www.dmsjuridica.com\/buscador_20179478954\/corteconstitucionalcronologico202454587\/t-831-08\/\" class=\"_self pt-cv-readmore btn btn-success\" target=\"_self\">Ver Sentencia Completa...<\/a><\/div><\/div><\/div><\/div>\n<div class=\"col-md-12 col-sm-12 col-xs-12 pt-cv-content-item pt-cv-1-col\" ><div class='pt-cv-ifield'><a href=\"https:\/\/www.dmsjuridica.com\/buscador_20179478954\/corteconstitucionalcronologico202454587\/t-830-08\/\" class=\"_self pt-cv-href-thumbnail pt-cv-thumb-default\" target=\"_self\" ><\/a>\n<div class=\"pt-cv-taxoterm above_title\"><a href='https:\/\/www.dmsjuridica.com\/buscador_20179478954\/corteconstitucionalcronologico202454587\/category\/buscar-en-toda-la-corte\/2008\/tutelas-2008\/' title='Tutelas 2008' class='pt-cv-tax-tutelas-2008'>Tutelas 2008<\/a><\/div>\n<h4 class=\"pt-cv-title\"><a href=\"https:\/\/www.dmsjuridica.com\/buscador_20179478954\/corteconstitucionalcronologico202454587\/t-830-08\/\" class=\"_self\" target=\"_self\" >T-830-08<\/a><\/h4>\n<div class=\"pt-cv-content\">\u00a0 \u00a0 SENTENCIA T-830\/08 \u00a0 \u00a0(Agosto 28 de 2008) \u00a0 ACCION DE TUTELA CONTRA PARTICULARES-Procedencia \u00a0 DERECHO A LA ESTABILIDAD LABORAL REFORZADA DEL DISCAPACITADO-Protecci\u00f3n \u00a0 \u00a0 \u00a0 DERECHO AL TRABAJO DEL DISCAPACITADO-Despido con autorizaci\u00f3n de la oficina de trabajo \u00a0 REINTEGRO AL CARGO-Improcedencia general de tutela \u00a0 DEBILIDAD MANIFIESTA-Estabilidad laboral reforzada se hace extensiva a contratos de trabajo a t\u00e9rmino fijo \u00a0 DERECHO A LA ESTABILIDAD LABORAL REFORZADA DEL DISCAPACITADO-Carencia de efecto de despido sin autorizaci\u00f3n de la oficina de trabajo \u00a0 DERECHO A LA ESTABILIDAD LABORAL REFORZADA DEL DISCAPACITADO-Pago equivalente al salario y a todas las prestaciones a que ...<br \/><div class=\"pt-cv-rmwrap\"><a href=\"https:\/\/www.dmsjuridica.com\/buscador_20179478954\/corteconstitucionalcronologico202454587\/t-830-08\/\" class=\"_self pt-cv-readmore btn btn-success\" target=\"_self\">Ver Sentencia Completa...<\/a><\/div><\/div><\/div><\/div>\n<div class=\"col-md-12 col-sm-12 col-xs-12 pt-cv-content-item pt-cv-1-col\" ><div class='pt-cv-ifield'><a href=\"https:\/\/www.dmsjuridica.com\/buscador_20179478954\/corteconstitucionalcronologico202454587\/t-829-08\/\" class=\"_self pt-cv-href-thumbnail pt-cv-thumb-default\" target=\"_self\" ><\/a>\n<div class=\"pt-cv-taxoterm above_title\"><a href='https:\/\/www.dmsjuridica.com\/buscador_20179478954\/corteconstitucionalcronologico202454587\/category\/buscar-en-toda-la-corte\/2008\/tutelas-2008\/' title='Tutelas 2008' class='pt-cv-tax-tutelas-2008'>Tutelas 2008<\/a><\/div>\n<h4 class=\"pt-cv-title\"><a href=\"https:\/\/www.dmsjuridica.com\/buscador_20179478954\/corteconstitucionalcronologico202454587\/t-829-08\/\" class=\"_self\" target=\"_self\" >T-829-08<\/a><\/h4>\n<div class=\"pt-cv-content\">\u00a0 \u00a0 SENTENCIA T-829\/08 \u00a0 (Agosto 22 de 2008) \u00a0 FACULTAD DISCRECIONAL DE LA ADMINISTRACION-No es absoluta \u00a0 DISCRECIONALIDAD-No se puede confundir con lo arbitrario ni con la ausencia de motivos para proferir decisi\u00f3n \u00a0 ACTO ADMINISTRATIVO-Deber de motivaci\u00f3n \u00a0 ACCION DE TUTELA-Decreto 1382 de 2000 no establece competencia sino reglas de simple reparto \u00a0 ACCION DE TUTELA-Inmediatez \u00a0 ACCION DE TUTELA-Se encuentra cumplido el requisito de inmediatez \u00a0 ACCION DE TUTELA CONTRA EL DAS-Motivaci\u00f3n del acto de declaraci\u00f3n de insubsistencia de nombramiento en el escalaf\u00f3n de r\u00e9gimen de carrera especial \u00a0 ACCION DE TUTELA CONTRA PROVIDENCIAS JUDICIALES-Procedencia por defecto ...<br \/><div class=\"pt-cv-rmwrap\"><a href=\"https:\/\/www.dmsjuridica.com\/buscador_20179478954\/corteconstitucionalcronologico202454587\/t-829-08\/\" class=\"_self pt-cv-readmore btn btn-success\" target=\"_self\">Ver Sentencia Completa...<\/a><\/div><\/div><\/div><\/div>\n<div class=\"col-md-12 col-sm-12 col-xs-12 pt-cv-content-item pt-cv-1-col\" ><div class='pt-cv-ifield'><a href=\"https:\/\/www.dmsjuridica.com\/buscador_20179478954\/corteconstitucionalcronologico202454587\/t-828-08\/\" class=\"_self pt-cv-href-thumbnail pt-cv-thumb-default\" target=\"_self\" ><\/a>\n<div class=\"pt-cv-taxoterm above_title\"><a href='https:\/\/www.dmsjuridica.com\/buscador_20179478954\/corteconstitucionalcronologico202454587\/category\/buscar-en-toda-la-corte\/2008\/tutelas-2008\/' title='Tutelas 2008' class='pt-cv-tax-tutelas-2008'>Tutelas 2008<\/a><\/div>\n<h4 class=\"pt-cv-title\"><a href=\"https:\/\/www.dmsjuridica.com\/buscador_20179478954\/corteconstitucionalcronologico202454587\/t-828-08\/\" class=\"_self\" target=\"_self\" >T-828-08<\/a><\/h4>\n<div class=\"pt-cv-content\">\u00a0 \u00a0 SENTENCIA T-828\/08 \u00a0 (Agosto 22 de 2008) \u00a0 DEBIDO PROCESO ADMINISTRATIVO-Alcance y contenido \u00a0 DERECHO A LA EDUCACION-Fundamental \u00a0 DERECHO A LA EDUCACION-Finalidad \u00a0 DERECHO A LA EDUCACION-Caracter\u00edsticas esenciales \u00a0 INSTITUCION DE EDUCACION SUPERIOR-Requisitos para la imposici\u00f3n de sanciones \u00a0 \u00a0 \u00a0 DEBIDO PROCESO A ESTUDIANTE-Vulneraci\u00f3n \u00a0 Referencia: Expediente T-1679273 \u00a0 Accionante: Maximo de Jes\u00fas Mart\u00ednez R\u00edos. \u00a0 Accionado: Universidad del Magdalena. \u00a0 \u00a0 \u00a0 \u00a0 \u00a0 \u00a0 Fallo objeto de revisi\u00f3n: Sentencia del Juzgado Quinto Penal del Circuito de Santa Marta. \u00a0 Magistrados de la Sala Quinta de Revisi\u00f3n: Mauricio Gonz\u00e1lez Cuervo, Marco Gerardo Monroy Cabra, Nilson ...<br \/><div class=\"pt-cv-rmwrap\"><a href=\"https:\/\/www.dmsjuridica.com\/buscador_20179478954\/corteconstitucionalcronologico202454587\/t-828-08\/\" class=\"_self pt-cv-readmore btn btn-success\" target=\"_self\">Ver Sentencia Completa...<\/a><\/div><\/div><\/div><\/div>\n<div class=\"col-md-12 col-sm-12 col-xs-12 pt-cv-content-item pt-cv-1-col\" ><div class='pt-cv-ifield'><a href=\"https:\/\/www.dmsjuridica.com\/buscador_20179478954\/corteconstitucionalcronologico202454587\/t-827-08\/\" class=\"_self pt-cv-href-thumbnail pt-cv-thumb-default\" target=\"_self\" ><\/a>\n<div class=\"pt-cv-taxoterm above_title\"><a href='https:\/\/www.dmsjuridica.com\/buscador_20179478954\/corteconstitucionalcronologico202454587\/category\/buscar-en-toda-la-corte\/2008\/tutelas-2008\/' title='Tutelas 2008' class='pt-cv-tax-tutelas-2008'>Tutelas 2008<\/a><\/div>\n<h4 class=\"pt-cv-title\"><a href=\"https:\/\/www.dmsjuridica.com\/buscador_20179478954\/corteconstitucionalcronologico202454587\/t-827-08\/\" class=\"_self\" target=\"_self\" >T-827-08<\/a><\/h4>\n<div class=\"pt-cv-content\">\u00a0 \u00a0 SENTENCIA T-827\/08 \u00a0 PENSION GRACIA-Reliquidaci\u00f3n \u00a0 DERECHO DE PETICION-Alcance\/DERECHO DE PETICION-N\u00facleo esencial \u00a0 DERECHO DE PETICION EN MATERIA PENSIONAL-T\u00e9rminos para resolver \u00a0 ACCION DE TUTELA PARA RECONOCIMIENTO DE PENSION-Requisitos para su procedencia \u00a0 Referencia: Expediente T- 1.719.587\u00a0 \u00a0 Accionante: Jorge Arnubio Ru\u00edz Romero \u00a0 Accionado: Cajanal E.I.C.E. \u00a0 Fallo de tutela objeto de revisi\u00f3n: Sentencia de junio 15 de 2007 del Juzgado Sexto Penal del Circuito de Ibagu\u00e9, que tutel\u00f3 el derecho del accionante. \u00a0 Magistrados de la Sala Quinta de Revisi\u00f3n: Mauricio Gonz\u00e1lez Cuervo, \u00a0Marco Gerardo Monroy Cabra, \u00a0Nilson Pinilla Pinilla. \u00a0 Magistrado Ponente: Mauricio Gonz\u00e1lez Cuervo ...<br \/><div class=\"pt-cv-rmwrap\"><a href=\"https:\/\/www.dmsjuridica.com\/buscador_20179478954\/corteconstitucionalcronologico202454587\/t-827-08\/\" class=\"_self pt-cv-readmore btn btn-success\" target=\"_self\">Ver Sentencia Completa...<\/a><\/div><\/div><\/div><\/div>\n<div class=\"col-md-12 col-sm-12 col-xs-12 pt-cv-content-item pt-cv-1-col\" ><div class='pt-cv-ifield'><a href=\"https:\/\/www.dmsjuridica.com\/buscador_20179478954\/corteconstitucionalcronologico202454587\/t-826-08\/\" class=\"_self pt-cv-href-thumbnail pt-cv-thumb-default\" target=\"_self\" ><\/a>\n<div class=\"pt-cv-taxoterm above_title\"><a href='https:\/\/www.dmsjuridica.com\/buscador_20179478954\/corteconstitucionalcronologico202454587\/category\/buscar-en-toda-la-corte\/2008\/tutelas-2008\/' title='Tutelas 2008' class='pt-cv-tax-tutelas-2008'>Tutelas 2008<\/a><\/div>\n<h4 class=\"pt-cv-title\"><a href=\"https:\/\/www.dmsjuridica.com\/buscador_20179478954\/corteconstitucionalcronologico202454587\/t-826-08\/\" class=\"_self\" target=\"_self\" >T-826-08<\/a><\/h4>\n<div class=\"pt-cv-content\">\u00a0 \u00a0 SENTENCIA T-826\/08 \u00a0 (Bogot\u00e1 noviembre 6 de 2008) \u00a0 DERECHO A LA PENSION DE INVALIDEZ DEL DISCAPACITADO-Reconocimiento\u00a0 \u00a0 PENSION DE IVALIDEZ-Requisitos \u00a0 PENSION DE INVALIDEZ-Persona en circunstancias de debilidad manifiesta \u00a0 DISMINUIDO FISICO-Pol\u00edticas de rehabilitaci\u00f3n e integraci\u00f3n social \u00a0 DERECHOS SOCIALES, ECONOMICOS Y CULTURALES-Preceptos constitucionales que imponen al Estado una especial protecci\u00f3n a favor de las personas discapacitadas \u00a0 PENSION DE INVALIDEZ-Procedencia excepcional de la acci\u00f3n de tutela para exigir el reconocimiento y pago \u00a0 DERECHO A LA PENSION DE INVALIDEZ Y PRINCIPIO DE PROGRESIVIDAD-Exigencias establecidas en el art\u00edculo 39 de la Ley 100 de 1993 y en ...<br \/><div class=\"pt-cv-rmwrap\"><a href=\"https:\/\/www.dmsjuridica.com\/buscador_20179478954\/corteconstitucionalcronologico202454587\/t-826-08\/\" class=\"_self pt-cv-readmore btn btn-success\" target=\"_self\">Ver Sentencia Completa...<\/a><\/div><\/div><\/div><\/div>\n<div class=\"col-md-12 col-sm-12 col-xs-12 pt-cv-content-item pt-cv-1-col\" ><div class='pt-cv-ifield'><a href=\"https:\/\/www.dmsjuridica.com\/buscador_20179478954\/corteconstitucionalcronologico202454587\/t-825-08\/\" class=\"_self pt-cv-href-thumbnail pt-cv-thumb-default\" target=\"_self\" ><\/a>\n<div class=\"pt-cv-taxoterm above_title\"><a href='https:\/\/www.dmsjuridica.com\/buscador_20179478954\/corteconstitucionalcronologico202454587\/category\/buscar-en-toda-la-corte\/2008\/tutelas-2008\/' title='Tutelas 2008' class='pt-cv-tax-tutelas-2008'>Tutelas 2008<\/a><\/div>\n<h4 class=\"pt-cv-title\"><a href=\"https:\/\/www.dmsjuridica.com\/buscador_20179478954\/corteconstitucionalcronologico202454587\/t-825-08\/\" class=\"_self\" target=\"_self\" >T-825-08<\/a><\/h4>\n<div class=\"pt-cv-content\">\u00a0 \u00a0 SENTENCIA T-825\/08 \u00a0 (21 de agosto de 2008) \u00a0 ACCION DE TUTELA-Presunci\u00f3n de veracidad de los hechos cuando autoridad no rinde informe \u00a0 ACCION DE TUTELA CONTRA PARTICULARES-Procedencia \u00a0 DERECHO A LA ESTABILIDAD LABORAL REFORZADA DE MUJER EMBARAZADA-Car\u00e1cter fundamental \u00a0 ACCION DE TUTELA DE MUJER EMBARAZADA-Elementos f\u00e1cticos que deben demostrarse para garantizar estabilidad laboral reforzada derivada del fuero de maternidad \u00a0 SISTEMA DE SEGURIDAD SOCIAL-Deber de afiliaci\u00f3n por el empleador y consecuencias por el incumplimiento \u00a0 PRESUNCION DE DESPIDO POR EMBARAZO-Empleador debe sustentar factor objetivo que permita despido de manera legal \u00a0 ACCION DE TUTELA-Reintegro de trabajadora embarazada ...<br \/><div class=\"pt-cv-rmwrap\"><a href=\"https:\/\/www.dmsjuridica.com\/buscador_20179478954\/corteconstitucionalcronologico202454587\/t-825-08\/\" class=\"_self pt-cv-readmore btn btn-success\" target=\"_self\">Ver Sentencia Completa...<\/a><\/div><\/div><\/div><\/div>\n<div class=\"col-md-12 col-sm-12 col-xs-12 pt-cv-content-item pt-cv-1-col\" ><div class='pt-cv-ifield'><a href=\"https:\/\/www.dmsjuridica.com\/buscador_20179478954\/corteconstitucionalcronologico202454587\/t-824-08\/\" class=\"_self pt-cv-href-thumbnail pt-cv-thumb-default\" target=\"_self\" ><\/a>\n<div class=\"pt-cv-taxoterm above_title\"><a href='https:\/\/www.dmsjuridica.com\/buscador_20179478954\/corteconstitucionalcronologico202454587\/category\/buscar-en-toda-la-corte\/2008\/tutelas-2008\/' title='Tutelas 2008' class='pt-cv-tax-tutelas-2008'>Tutelas 2008<\/a><\/div>\n<h4 class=\"pt-cv-title\"><a href=\"https:\/\/www.dmsjuridica.com\/buscador_20179478954\/corteconstitucionalcronologico202454587\/t-824-08\/\" class=\"_self\" target=\"_self\" >T-824-08<\/a><\/h4>\n<div class=\"pt-cv-content\">\u00a0 \u00a0 SENTENCIA T-824\/08 \u00a0 (21 de agosto de 2008) \u00a0 ACCION DE TUTELA CONTRA PARTICULARES-Procedencia \u00a0 DERECHO A LA ESTABILIDAD LABORAL REFORZADA DE MUJER EMBARAZADA-Protecci\u00f3n constitucional especial \u00a0 ACCION DE TUTELA TRANSITORIA DE MUJER EMBARAZADA-Elementos f\u00e1cticos que deben demostrarse \u00a0 DERECHO A LA ESTABILIDAD LABORAL REFORZADA DE MUJER EMBARAZADA EN EMPRESA TEMPORAL DE SERVICIOS-Protecci\u00f3n \u00a0 ACCION DE TUTELA DE MUJER EMBARAZADA-Deben probarse todos los elementos f\u00e1cticos establecidos por la jurisprudencia \u00a0 ACCION DE TUTELA-Improcedencia por estar probado que el empleador no tuvo conocimiento del estado de gravidez para ordenar el reintegro \u00a0 Referencia: Expediente T- 1.877.530 \u00a0 Accionante: Sandra ...<br \/><div class=\"pt-cv-rmwrap\"><a href=\"https:\/\/www.dmsjuridica.com\/buscador_20179478954\/corteconstitucionalcronologico202454587\/t-824-08\/\" class=\"_self pt-cv-readmore btn btn-success\" target=\"_self\">Ver Sentencia Completa...<\/a><\/div><\/div><\/div><\/div>\n<div class=\"col-md-12 col-sm-12 col-xs-12 pt-cv-content-item pt-cv-1-col\" ><div class='pt-cv-ifield'><a href=\"https:\/\/www.dmsjuridica.com\/buscador_20179478954\/corteconstitucionalcronologico202454587\/t-823-08\/\" class=\"_self pt-cv-href-thumbnail pt-cv-thumb-default\" target=\"_self\" ><\/a>\n<div class=\"pt-cv-taxoterm above_title\"><a href='https:\/\/www.dmsjuridica.com\/buscador_20179478954\/corteconstitucionalcronologico202454587\/category\/buscar-en-toda-la-corte\/2008\/tutelas-2008\/' title='Tutelas 2008' class='pt-cv-tax-tutelas-2008'>Tutelas 2008<\/a><\/div>\n<h4 class=\"pt-cv-title\"><a href=\"https:\/\/www.dmsjuridica.com\/buscador_20179478954\/corteconstitucionalcronologico202454587\/t-823-08\/\" class=\"_self\" target=\"_self\" >T-823-08<\/a><\/h4>\n<div class=\"pt-cv-content\">\u00a0 \u00a0 SENTENCIA T-823\/08 \u00a0 (Agosto 21 de 2008) \u00a0 FONDO NACIONAL DEL AHORRO-Deber de informar a usuarios la redenominaci\u00f3n de cr\u00e9ditos hipotecarios \u00a0 DERECHO A LA INFORMACION-Redenominaci\u00f3n de cr\u00e9ditos hipotecarios \u00a0 FONDO NACIONAL DEL AHORRO-Abuso de posici\u00f3n dominante \u00a0 FONDO NACIONAL DEL AHORRO-Modificaci\u00f3n unilateral de lo inicialmente pactado en el cr\u00e9dito \u00a0 ACCION DE TUTELA CONTRA EL FONDO NACIONAL DEL AHORRO-Procedencia por violaci\u00f3n al debido proceso y principio de la buena fe al variar unilateralmente las condiciones del contrato de mutuo para la adquisici\u00f3n de vivienda\u00a0 \u00a0 FONDO NACIONAL DEL AHORRO-Deber de restablecer el cr\u00e9dito en pesos y en ...<br \/><div class=\"pt-cv-rmwrap\"><a href=\"https:\/\/www.dmsjuridica.com\/buscador_20179478954\/corteconstitucionalcronologico202454587\/t-823-08\/\" class=\"_self pt-cv-readmore btn btn-success\" target=\"_self\">Ver Sentencia Completa...<\/a><\/div><\/div><\/div><\/div>\n<div class=\"col-md-12 col-sm-12 col-xs-12 pt-cv-content-item pt-cv-1-col\" ><div class='pt-cv-ifield'><a href=\"https:\/\/www.dmsjuridica.com\/buscador_20179478954\/corteconstitucionalcronologico202454587\/t-822-08\/\" class=\"_self pt-cv-href-thumbnail pt-cv-thumb-default\" target=\"_self\" ><\/a>\n<div class=\"pt-cv-taxoterm above_title\"><a href='https:\/\/www.dmsjuridica.com\/buscador_20179478954\/corteconstitucionalcronologico202454587\/category\/buscar-en-toda-la-corte\/2008\/tutelas-2008\/' title='Tutelas 2008' class='pt-cv-tax-tutelas-2008'>Tutelas 2008<\/a><\/div>\n<h4 class=\"pt-cv-title\"><a href=\"https:\/\/www.dmsjuridica.com\/buscador_20179478954\/corteconstitucionalcronologico202454587\/t-822-08\/\" class=\"_self\" target=\"_self\" >T-822-08<\/a><\/h4>\n<div class=\"pt-cv-content\">\u00a0 \u00a0 SENTENCIA T-822\/08 \u00a0 (Bogot\u00e1 D.C., Julio 21 de 2008)\u00a0 \u00a0 PENSION DE SOBREVIVIENTES-Finalidad del pago \u00a0 ESTADO CIVIL DE LAS PERSONAS-Se prueba con el registro civil \u00a0 REGISTRO CIVIL DE NACIMIENTO-Validez de acuerdo con la Ley 962 de 2005 \u00a0 PENSION DE SOBREVIVIENTES-Requisitos exigidos \u00a0 DERECHO DE PETICION-Elementos \u00a0 PENSION DE SOBREVIVIENTES-Requisitos exigidos \u00a0 DERECHO DE PETICION-Deber del Jefe de Pensiones del Seguro social de proporcionar a la accionante la orientaci\u00f3n necesaria sobre los documentos \u00a0que debe allegar y los pasos a seguir para la tramitaci\u00f3n de la pensi\u00f3n de sobrevivientes \u00a0 Accionante: Mar\u00eda Concepci\u00f3n Vallejo de V\u00e9lez ...<br \/><div class=\"pt-cv-rmwrap\"><a href=\"https:\/\/www.dmsjuridica.com\/buscador_20179478954\/corteconstitucionalcronologico202454587\/t-822-08\/\" class=\"_self pt-cv-readmore btn btn-success\" target=\"_self\">Ver Sentencia Completa...<\/a><\/div><\/div><\/div><\/div>\n<div class=\"col-md-12 col-sm-12 col-xs-12 pt-cv-content-item pt-cv-1-col\" ><div class='pt-cv-ifield'><a href=\"https:\/\/www.dmsjuridica.com\/buscador_20179478954\/corteconstitucionalcronologico202454587\/t-821-08\/\" class=\"_self pt-cv-href-thumbnail pt-cv-thumb-default\" target=\"_self\" ><\/a>\n<div class=\"pt-cv-taxoterm above_title\"><a href='https:\/\/www.dmsjuridica.com\/buscador_20179478954\/corteconstitucionalcronologico202454587\/category\/buscar-en-toda-la-corte\/2008\/tutelas-2008\/' title='Tutelas 2008' class='pt-cv-tax-tutelas-2008'>Tutelas 2008<\/a><\/div>\n<h4 class=\"pt-cv-title\"><a href=\"https:\/\/www.dmsjuridica.com\/buscador_20179478954\/corteconstitucionalcronologico202454587\/t-821-08\/\" class=\"_self\" target=\"_self\" >T-821-08<\/a><\/h4>\n<div class=\"pt-cv-content\">\u00a0 \u00a0 Sentencia T-821\/08 \u00a0 ACCION DE TUTELA-Alcance del hecho superado \u00a0 ACCION DE TUTELA-Hecho superado por cuanto el director del DAS motiv\u00f3 el acto administrativo de insubsistencia del nombramiento como detective \u00a0 Acci\u00f3n de tutela promovida por Alfredo Coneo Gamarra contra el Departamento Administrativo de Seguridad, DAS. \u00a0 Procedencia: Consejo de Estado, Secci\u00f3n Primera. \u00a0 Magistrado Ponente: \u00a0 Dr. NILSON PINILLA PINILLA. \u00a0 Bogot\u00e1, D.C, veintiuno (21) de agosto de dos mil ocho (2008). \u00a0 La Sala S\u00e9ptima de Revisi\u00f3n de la Corte Constitucional, integrada por los magistrados Nilson Pinilla Pinilla, Humberto Antonio Sierra Porto y Clara In\u00e9s Vargas ...<br \/><div class=\"pt-cv-rmwrap\"><a href=\"https:\/\/www.dmsjuridica.com\/buscador_20179478954\/corteconstitucionalcronologico202454587\/t-821-08\/\" class=\"_self pt-cv-readmore btn btn-success\" target=\"_self\">Ver Sentencia Completa...<\/a><\/div><\/div><\/div><\/div>\n<div class=\"col-md-12 col-sm-12 col-xs-12 pt-cv-content-item pt-cv-1-col\" ><div class='pt-cv-ifield'><a href=\"https:\/\/www.dmsjuridica.com\/buscador_20179478954\/corteconstitucionalcronologico202454587\/t-820-08\/\" class=\"_self pt-cv-href-thumbnail pt-cv-thumb-default\" target=\"_self\" ><\/a>\n<div class=\"pt-cv-taxoterm above_title\"><a href='https:\/\/www.dmsjuridica.com\/buscador_20179478954\/corteconstitucionalcronologico202454587\/category\/buscar-en-toda-la-corte\/2008\/tutelas-2008\/' title='Tutelas 2008' class='pt-cv-tax-tutelas-2008'>Tutelas 2008<\/a><\/div>\n<h4 class=\"pt-cv-title\"><a href=\"https:\/\/www.dmsjuridica.com\/buscador_20179478954\/corteconstitucionalcronologico202454587\/t-820-08\/\" class=\"_self\" target=\"_self\" >T-820-08<\/a><\/h4>\n<div class=\"pt-cv-content\">\u00a0 \u00a0 Sentencia T-820\/08 \u00a0 DERECHO A LA SALUD COMO DERECHO FUNDAMENTAL-Reiteraci\u00f3n de jurisprudencia\/REGIMEN SUBSIDIADO DEL SISTEMA GENERAL DE SEGURIDAD SOCIAL EN SALUD\/ COPAGO EN EL REGIMEN SUBSIDIADO DE SALUD \u00a0 Referencia: expediente T-1.836.761 \u00a0 Acci\u00f3n de tutela instaurada por Mar\u00eda del Carmen Colorado de Loaiza contra la Direcci\u00f3n Seccional de Salud de Antioquia y otro. \u00a0 Magistrado Ponente: \u00a0 Dr. JAIME ARA\u00daJO RENTER\u00cdA \u00a0 \u00a0 \u00a0 \u00a0 \u00a0 Bogot\u00e1, D.C., veintiuno (21) de agosto de dos mil ocho (2008) \u00a0 La Sala Primera de Revisi\u00f3n de la Corte Constitucional, integrada por los Magistrados MANUEL JOS\u00c9 CEPEDA ESPINOSA, JAIME C\u00d3RDOBA ...<br \/><div class=\"pt-cv-rmwrap\"><a href=\"https:\/\/www.dmsjuridica.com\/buscador_20179478954\/corteconstitucionalcronologico202454587\/t-820-08\/\" class=\"_self pt-cv-readmore btn btn-success\" target=\"_self\">Ver Sentencia Completa...<\/a><\/div><\/div><\/div><\/div>\n<div class=\"col-md-12 col-sm-12 col-xs-12 pt-cv-content-item pt-cv-1-col\" ><div class='pt-cv-ifield'><a href=\"https:\/\/www.dmsjuridica.com\/buscador_20179478954\/corteconstitucionalcronologico202454587\/t-819-08\/\" class=\"_self pt-cv-href-thumbnail pt-cv-thumb-default\" target=\"_self\" ><\/a>\n<div class=\"pt-cv-taxoterm above_title\"><a href='https:\/\/www.dmsjuridica.com\/buscador_20179478954\/corteconstitucionalcronologico202454587\/category\/buscar-en-toda-la-corte\/2008\/tutelas-2008\/' title='Tutelas 2008' class='pt-cv-tax-tutelas-2008'>Tutelas 2008<\/a><\/div>\n<h4 class=\"pt-cv-title\"><a href=\"https:\/\/www.dmsjuridica.com\/buscador_20179478954\/corteconstitucionalcronologico202454587\/t-819-08\/\" class=\"_self\" target=\"_self\" >T-819-08<\/a><\/h4>\n<div class=\"pt-cv-content\">\u00a0 \u00a0 Sentencia T-819\/08 \u00a0 ACCION DE TUTELA CONTRA PARTICULARES CUANDO EL AFECTADO SE ENCUENTRA EN ESTADO DE INDEFENSION-Reiteraci\u00f3n de jurisprudencia \u00a0 ACCION DE TUTELA CONTRA PARTICULARES-Requisitos de procedencia \u00a0 ACCION DE TUTELA CONTRA PARTICULARES-Subordinaci\u00f3n e indefensi\u00f3n \u00a0 ACCION DE TUTELA PARA ORDENAR REINTEGRO DE TRABAJADOR QUE PADECE ALGUN TIPO DE DISCAPACIDAD O LIMITACION-Reiteraci\u00f3n de jurisprudencia \u00a0 ACCION DE TUTELA TRANSITORIA-Procedencia para ordenar reintegro laboral\u00a0 \u00a0 SUBORDINACION LABORAL-Concepto seg\u00fan la jurisprudencia constitucional \u00a0 SUBORDINACION E INDEFENSION-Desarrollo jurisprudencial \u00a0 SUJETOS DE ESPECIAL PROTECCION CONSTITUCIONAL-Reiteraci\u00f3n de jurisprudencia \u00a0 PERSONA EN CIRCUNSTANCIAS DE DEBILIDAD MANIFIESTA-Protecci\u00f3n especial en materia laboral \u00a0 ESTABILIDAD LABORAL REFORZADA ...<br \/><div class=\"pt-cv-rmwrap\"><a href=\"https:\/\/www.dmsjuridica.com\/buscador_20179478954\/corteconstitucionalcronologico202454587\/t-819-08\/\" class=\"_self pt-cv-readmore btn btn-success\" target=\"_self\">Ver Sentencia Completa...<\/a><\/div><\/div><\/div><\/div>\n<div class=\"col-md-12 col-sm-12 col-xs-12 pt-cv-content-item pt-cv-1-col\" ><div class='pt-cv-ifield'><a href=\"https:\/\/www.dmsjuridica.com\/buscador_20179478954\/corteconstitucionalcronologico202454587\/t-818-08\/\" class=\"_self pt-cv-href-thumbnail pt-cv-thumb-default\" target=\"_self\" ><\/a>\n<div class=\"pt-cv-taxoterm above_title\"><a href='https:\/\/www.dmsjuridica.com\/buscador_20179478954\/corteconstitucionalcronologico202454587\/category\/buscar-en-toda-la-corte\/2008\/tutelas-2008\/' title='Tutelas 2008' class='pt-cv-tax-tutelas-2008'>Tutelas 2008<\/a><\/div>\n<h4 class=\"pt-cv-title\"><a href=\"https:\/\/www.dmsjuridica.com\/buscador_20179478954\/corteconstitucionalcronologico202454587\/t-818-08\/\" class=\"_self\" target=\"_self\" >T-818-08<\/a><\/h4>\n<div class=\"pt-cv-content\">\u00a0 \u00a0 Sentencia T-818\/08 \u00a0 DERECHO A LA SALUD DEL MENOR-Reiteraci\u00f3n de jurisprudencia \u00a0 DERECHO A LA SALUD DEL MENOR-Caso en que tiene un tumor maligno en la columna y le genera paraplej\u00eda \u00a0 DERECHO A LA SALUD DE LAS PERSONAS CON DISCAPACIDAD FISICA Y PROTECCION CONSTITUCIONAL-Reiteraci\u00f3n de jurisprudencia \u00a0 SUMINISTRO DE PRESTACIONES EXCLUIDAS DEL POS-Reglas jurisprudenciales acerca de la procedencia de la tutela para obtenerlas \u00a0 PRESTACION DOMICILIARIA DE SERVICIOS MEDICOS A MENOR DISCAPACITADO \u00a0 \u00a0 Referencia: expediente T-1900019 \u00a0 Acci\u00f3n de tutela interpuesta por Aurora Herrera Garc\u00eda en representaci\u00f3n de su hijo Rub\u00e9n Dar\u00edo Oviedo Herrera contra Solsalud ...<br \/><div class=\"pt-cv-rmwrap\"><a href=\"https:\/\/www.dmsjuridica.com\/buscador_20179478954\/corteconstitucionalcronologico202454587\/t-818-08\/\" class=\"_self pt-cv-readmore btn btn-success\" target=\"_self\">Ver Sentencia Completa...<\/a><\/div><\/div><\/div><\/div>\n<div class=\"col-md-12 col-sm-12 col-xs-12 pt-cv-content-item pt-cv-1-col\" ><div class='pt-cv-ifield'><a href=\"https:\/\/www.dmsjuridica.com\/buscador_20179478954\/corteconstitucionalcronologico202454587\/t-817-08\/\" class=\"_self pt-cv-href-thumbnail pt-cv-thumb-default\" target=\"_self\" ><\/a>\n<div class=\"pt-cv-taxoterm above_title\"><a href='https:\/\/www.dmsjuridica.com\/buscador_20179478954\/corteconstitucionalcronologico202454587\/category\/buscar-en-toda-la-corte\/2008\/tutelas-2008\/' title='Tutelas 2008' class='pt-cv-tax-tutelas-2008'>Tutelas 2008<\/a><\/div>\n<h4 class=\"pt-cv-title\"><a href=\"https:\/\/www.dmsjuridica.com\/buscador_20179478954\/corteconstitucionalcronologico202454587\/t-817-08\/\" class=\"_self\" target=\"_self\" >T-817-08<\/a><\/h4>\n<div class=\"pt-cv-content\">\u00a0 \u00a0 Sentencia T-817\/08 \u00a0 DESPLAZADOS INTERNOS-Emergencia social \u00a0 DERECHOS DE LOS DESPLAZADOS-Ordenes proferidas por la Corte Constitucional para su protecci\u00f3n \u00a0 \u00a0 \u00a0 DERECHOS DE LOS DESPLAZADOS-Su vulneraci\u00f3n ha persistido en el tiempo\/DERECHOS DE LOS DESPLAZADOS-Autoridades competentes no han adoptado los correctivos para su protecci\u00f3n \u00a0 DESPLAZAMIENTO FORZADO-Eliminaci\u00f3n del t\u00e9rmino m\u00e1ximo para la atenci\u00f3n humanitaria de emergencia\/DESPLAZAMIENTO FORZADO-T\u00e9rmino de atenci\u00f3n humanitaria de emergencia debe ser flexible\/DESPLAZAMIENTO FORZADO-T\u00e9rmino de atenci\u00f3n humanitaria de emergencia ser\u00e1 prorrogable hasta que el afectado est\u00e9 en condiciones de asumir su autosostenimiento \u00a0 AYUDA HUMANITARIA-Se ordena a Acci\u00f3n Social la ayuda humanitaria de emergencia \u00a0 Referencia: ...<br \/><div class=\"pt-cv-rmwrap\"><a href=\"https:\/\/www.dmsjuridica.com\/buscador_20179478954\/corteconstitucionalcronologico202454587\/t-817-08\/\" class=\"_self pt-cv-readmore btn btn-success\" target=\"_self\">Ver Sentencia Completa...<\/a><\/div><\/div><\/div><\/div>\n<div class=\"col-md-12 col-sm-12 col-xs-12 pt-cv-content-item pt-cv-1-col\" ><div class='pt-cv-ifield'><a href=\"https:\/\/www.dmsjuridica.com\/buscador_20179478954\/corteconstitucionalcronologico202454587\/t-816-08\/\" class=\"_self pt-cv-href-thumbnail pt-cv-thumb-default\" target=\"_self\" ><\/a>\n<div class=\"pt-cv-taxoterm above_title\"><a href='https:\/\/www.dmsjuridica.com\/buscador_20179478954\/corteconstitucionalcronologico202454587\/category\/buscar-en-toda-la-corte\/2008\/tutelas-2008\/' title='Tutelas 2008' class='pt-cv-tax-tutelas-2008'>Tutelas 2008<\/a><\/div>\n<h4 class=\"pt-cv-title\"><a href=\"https:\/\/www.dmsjuridica.com\/buscador_20179478954\/corteconstitucionalcronologico202454587\/t-816-08\/\" class=\"_self\" target=\"_self\" >T-816-08<\/a><\/h4>\n<div class=\"pt-cv-content\">\u00a0 \u00a0 Sentencia T-816\/08 \u00a0 DERECHO A LA SALUD COMO DERECHO FUNDAMENTAL-Reiteraci\u00f3n de jurisprudencia \u00a0 DERECHO A LA SALUD COMO DERECHO FUNDAMENTAL-Protecci\u00f3n constitucional \u00a0 DOCTRINA CONSTITUCIONAL SOBRE DERECHOS-Su fundamentalidad no depende de la manera c\u00f3mo estos se hacen efectivos en la pr\u00e1ctica \u00a0 DERECHO A LA SALUD-Fundamental \u00a0 DERECHO A LA SALUD Y SEGURIDAD SOCIAL-Instrumentos internacionales de protecci\u00f3n \u00a0 DERECHO AL LIBRE DESARROLLO DE LA PERSONALIDAD-Desarrollo de la sexualidad \u00a0 DERECHO A LA SEGURIDAD SOCIAL EN SALUD-Continuidad en el servicio \u00a0 SISTEMA GENERAL DE SEGURIDAD SOCIAL EN SALUD-Sujeci\u00f3n a principios \u00a0 PRINCIPIO DE CONTINUIDAD EN EL SERVICIO PUBLICO DE SALUD-Prestaci\u00f3n ...<br \/><div class=\"pt-cv-rmwrap\"><a href=\"https:\/\/www.dmsjuridica.com\/buscador_20179478954\/corteconstitucionalcronologico202454587\/t-816-08\/\" class=\"_self pt-cv-readmore btn btn-success\" target=\"_self\">Ver Sentencia Completa...<\/a><\/div><\/div><\/div><\/div>\n<div class=\"col-md-12 col-sm-12 col-xs-12 pt-cv-content-item pt-cv-1-col\" ><div class='pt-cv-ifield'><a href=\"https:\/\/www.dmsjuridica.com\/buscador_20179478954\/corteconstitucionalcronologico202454587\/t-815-08\/\" class=\"_self pt-cv-href-thumbnail pt-cv-thumb-default\" target=\"_self\" ><\/a>\n<div class=\"pt-cv-taxoterm above_title\"><a href='https:\/\/www.dmsjuridica.com\/buscador_20179478954\/corteconstitucionalcronologico202454587\/category\/buscar-en-toda-la-corte\/2008\/tutelas-2008\/' title='Tutelas 2008' class='pt-cv-tax-tutelas-2008'>Tutelas 2008<\/a><\/div>\n<h4 class=\"pt-cv-title\"><a href=\"https:\/\/www.dmsjuridica.com\/buscador_20179478954\/corteconstitucionalcronologico202454587\/t-815-08\/\" class=\"_self\" target=\"_self\" >T-815-08<\/a><\/h4>\n<div class=\"pt-cv-content\">\u00a0 \u00a0 Sentencia T-815\/08 \u00a0 ACCION DE TUTELA CONTRA PROVIDENCIAS JUDICIALES-Reiteraci\u00f3n de jurisprudencia\/REDOSIFICACION DE LA PENA \u00a0 LEY 975\/05-Inexequibilidad del Art\u00edculo 70 por vicios de procedimiento \u00a0 Referencia: expedientes acumulados T-1745448 y T-1745456. \u00a0 Acciones de tutela instauradas por Jos\u00e9 David Vel\u00e1squez Bola\u00f1o y Jorge Armando Vel\u00e1squez Le\u00f3n, contra los Tribunales Superiores de Valledupar, Bucaramanga y otros. \u00a0 Magistrada Ponente: \u00a0 Dra. CLARA IN\u00c9S VARGAS HERN\u00c1NDEZ \u00a0 Bogot\u00e1, D.C., veintiuno (21) de agosto de dos mil ocho (2008). \u00a0 La Sala Novena de Revisi\u00f3n de la Corte Constitucional, integrada por los Magistrados CLARA IN\u00c9S VARGAS HERN\u00c1NDEZ, JAIME ARA\u00daJO RENTER\u00cdA y ...<br \/><div class=\"pt-cv-rmwrap\"><a href=\"https:\/\/www.dmsjuridica.com\/buscador_20179478954\/corteconstitucionalcronologico202454587\/t-815-08\/\" class=\"_self pt-cv-readmore btn btn-success\" target=\"_self\">Ver Sentencia Completa...<\/a><\/div><\/div><\/div><\/div>\n<div class=\"col-md-12 col-sm-12 col-xs-12 pt-cv-content-item pt-cv-1-col\" ><div class='pt-cv-ifield'><a href=\"https:\/\/www.dmsjuridica.com\/buscador_20179478954\/corteconstitucionalcronologico202454587\/t-814-08\/\" class=\"_self pt-cv-href-thumbnail pt-cv-thumb-default\" target=\"_self\" ><\/a>\n<div class=\"pt-cv-taxoterm above_title\"><a href='https:\/\/www.dmsjuridica.com\/buscador_20179478954\/corteconstitucionalcronologico202454587\/category\/buscar-en-toda-la-corte\/2008\/tutelas-2008\/' title='Tutelas 2008' class='pt-cv-tax-tutelas-2008'>Tutelas 2008<\/a><\/div>\n<h4 class=\"pt-cv-title\"><a href=\"https:\/\/www.dmsjuridica.com\/buscador_20179478954\/corteconstitucionalcronologico202454587\/t-814-08\/\" class=\"_self\" target=\"_self\" >T-814-08<\/a><\/h4>\n<div class=\"pt-cv-content\">\u00a0 \u00a0 Sentencia T-814\/08 \u00a0 LEGITIMACION POR ACTIVA EN TUTELA-Titularidad \u00a0 LEGITIMACION POR PASIVA EN TUTELA-Entidad de car\u00e1cter particular que se ocupa de prestar el servicio p\u00fablico de salud \u00a0 DROGADICCION-Tratamiento m\u00e9dico \u00a0 Referencia: expediente T-1.770.205 \u00a0 Accionante: V\u00edctor Javier Palacio Posada. \u00a0 Demandado: Cruz Blanca EPS \u00a0 Magistrado Ponente: \u00a0 Dr. RODRIGO ESCOBAR GIL \u00a0 Bogot\u00e1 D.C., veintiuno (21) de agosto de dos mil ocho (2008). \u00a0 La Sala Cuarta de Revisi\u00f3n de la Corte Constitucional, integrada por los Magistrados Rodrigo Escobar Gil, Mauricio Gonz\u00e1lez Cuervo y Marco Gerardo Monroy Cabra, en ejercicio de sus competencias constitucionales y legales, ...<br \/><div class=\"pt-cv-rmwrap\"><a href=\"https:\/\/www.dmsjuridica.com\/buscador_20179478954\/corteconstitucionalcronologico202454587\/t-814-08\/\" class=\"_self pt-cv-readmore btn btn-success\" target=\"_self\">Ver Sentencia Completa...<\/a><\/div><\/div><\/div><\/div>\n<div class=\"col-md-12 col-sm-12 col-xs-12 pt-cv-content-item pt-cv-1-col\" ><div class='pt-cv-ifield'><a href=\"https:\/\/www.dmsjuridica.com\/buscador_20179478954\/corteconstitucionalcronologico202454587\/t-813-08\/\" class=\"_self pt-cv-href-thumbnail pt-cv-thumb-default\" target=\"_self\" ><\/a>\n<div class=\"pt-cv-taxoterm above_title\"><a href='https:\/\/www.dmsjuridica.com\/buscador_20179478954\/corteconstitucionalcronologico202454587\/category\/buscar-en-toda-la-corte\/2008\/tutelas-2008\/' title='Tutelas 2008' class='pt-cv-tax-tutelas-2008'>Tutelas 2008<\/a><\/div>\n<h4 class=\"pt-cv-title\"><a href=\"https:\/\/www.dmsjuridica.com\/buscador_20179478954\/corteconstitucionalcronologico202454587\/t-813-08\/\" class=\"_self\" target=\"_self\" >T-813-08<\/a><\/h4>\n<div class=\"pt-cv-content\">\u00a0 \u00a0 Sentencia T-813\/08 \u00a0 DERECHO DE ASOCIACION SINDICAL Y NEGOCIACION COLECTIVA-Cambio de naturaleza jur\u00eddica de m\u00fasicos vinculados a orquesta filarm\u00f3nica \u00a0 SINDICATO DE EMPLEADOS PUBLICOS-Imposibilidad de presentar pliegos de peticiones\u00a0 \u00a0 NORMA DE DERECHO LABORAL-Imprevisi\u00f3n de r\u00e9gimen de transici\u00f3n \u00a0 NORMA DE DERECHO LABORAL-Efectos en torno a la vinculaci\u00f3n de empleados \u00a0 REGIMEN LABORAL DE SERVIDORES PUBLICOS-Vac\u00edo de regulaci\u00f3n \u00a0 Referencia: expediente T-1856073 \u00a0 Accionante: Sindicato de Profesores y Trabajadores de la Orquesta Filarm\u00f3nica de Bogot\u00e1 ASPROFIBO\u00a0 \u00a0 Magistrado Ponente:\u00a0 \u00a0 Dr. RODRIGO ESCOBAR GIL \u00a0 Bogot\u00e1, D.C., \u00a0veintiuno (21) de agosto de dos mil ocho (2008). \u00a0 La ...<br \/><div class=\"pt-cv-rmwrap\"><a href=\"https:\/\/www.dmsjuridica.com\/buscador_20179478954\/corteconstitucionalcronologico202454587\/t-813-08\/\" class=\"_self pt-cv-readmore btn btn-success\" target=\"_self\">Ver Sentencia Completa...<\/a><\/div><\/div><\/div><\/div>\n<div class=\"col-md-12 col-sm-12 col-xs-12 pt-cv-content-item pt-cv-1-col\" ><div class='pt-cv-ifield'><a href=\"https:\/\/www.dmsjuridica.com\/buscador_20179478954\/corteconstitucionalcronologico202454587\/t-812-08\/\" class=\"_self pt-cv-href-thumbnail pt-cv-thumb-default\" target=\"_self\" ><\/a>\n<div class=\"pt-cv-taxoterm above_title\"><a href='https:\/\/www.dmsjuridica.com\/buscador_20179478954\/corteconstitucionalcronologico202454587\/category\/buscar-en-toda-la-corte\/2008\/tutelas-2008\/' title='Tutelas 2008' class='pt-cv-tax-tutelas-2008'>Tutelas 2008<\/a><\/div>\n<h4 class=\"pt-cv-title\"><a href=\"https:\/\/www.dmsjuridica.com\/buscador_20179478954\/corteconstitucionalcronologico202454587\/t-812-08\/\" class=\"_self\" target=\"_self\" >T-812-08<\/a><\/h4>\n<div class=\"pt-cv-content\">\u00a0 \u00a0 Sentencia T-812\/08 \u00a0 ESTABILIDAD LABORAL REFORZADA DE DISCAPACITADOS-Reiteraci\u00f3n jurisprudencial \u00a0 ESTABILIDAD LABORAL REFORZADA-Alcance de la protecci\u00f3n constitucional \u00a0 ACCION DE TUTELA PARA ASEGURAR MEDIDAS DE ESTABILIDAD LABORAL REFORZADA-Criterios jurisprudenciales para la procedencia del amparo \u00a0 ACCION DE TUTELA-Requisitos generales de procedibilidad \u00a0 ACCION DE TUTELA-Procedencia como mecanismo transitorio para evitar un perjuicio irremediable \u00a0 PRINCIPIO DE ESTABILIDAD EN EL EMPLEO DEL DISCAPACITADO-Protecci\u00f3n superior \u00a0 DEBIDO PROCESO-Terminaci\u00f3n unilateral con justa causa \u00a0 DERECHO DE DEFENSA EN CONTRATO DE TRABAJO-Terminaci\u00f3n unilateral \u00a0 DESPIDO DE DISCAPACITADO-Discriminaci\u00f3n\/ACCION DE TUTELA-Prueba de que el despido se debe a la discapacidad \u00a0 ESTABILIDAD LABORAL DE ...<br \/><div class=\"pt-cv-rmwrap\"><a href=\"https:\/\/www.dmsjuridica.com\/buscador_20179478954\/corteconstitucionalcronologico202454587\/t-812-08\/\" class=\"_self pt-cv-readmore btn btn-success\" target=\"_self\">Ver Sentencia Completa...<\/a><\/div><\/div><\/div><\/div>\n<div class=\"col-md-12 col-sm-12 col-xs-12 pt-cv-content-item pt-cv-1-col\" ><div class='pt-cv-ifield'><a href=\"https:\/\/www.dmsjuridica.com\/buscador_20179478954\/corteconstitucionalcronologico202454587\/t-811-08\/\" class=\"_self pt-cv-href-thumbnail pt-cv-thumb-default\" target=\"_self\" ><\/a>\n<div class=\"pt-cv-taxoterm above_title\"><a href='https:\/\/www.dmsjuridica.com\/buscador_20179478954\/corteconstitucionalcronologico202454587\/category\/buscar-en-toda-la-corte\/2008\/tutelas-2008\/' title='Tutelas 2008' class='pt-cv-tax-tutelas-2008'>Tutelas 2008<\/a><\/div>\n<h4 class=\"pt-cv-title\"><a href=\"https:\/\/www.dmsjuridica.com\/buscador_20179478954\/corteconstitucionalcronologico202454587\/t-811-08\/\" class=\"_self\" target=\"_self\" >T-811-08<\/a><\/h4>\n<div class=\"pt-cv-content\">\u00a0 \u00a0 Sentencia T-811\/08 \u00a0 Referencia: expediente T-1959098 \u00a0 Acci\u00f3n de tutela instaurada por Jos\u00e9 Hugo Duran Bol\u00edvar contra la EPS COMFENALCO S.A. \u00a0 Magistrado Ponente: \u00a0 Dr. MANUEL JOS\u00c9 CEPEDA ESPINOSA \u00a0 Bogot\u00e1, D.C., veintiuno (21) de agosto de dos mil ocho (2008). \u00a0 Teniendo en cuenta que el problema jur\u00eddico que suscita la presente acci\u00f3n de tutela ya ha sido objeto de otros pronunciamientos por parte de esta Corporaci\u00f3n, la Sala Segunda de Revisi\u00f3n de la Corte Constitucional decide reiterar lo dispues\u00adto por la jurisprudencia para este tipo de casos. Por tal raz\u00f3n, de acuerdo con sus atribuciones ...<br \/><div class=\"pt-cv-rmwrap\"><a href=\"https:\/\/www.dmsjuridica.com\/buscador_20179478954\/corteconstitucionalcronologico202454587\/t-811-08\/\" class=\"_self pt-cv-readmore btn btn-success\" target=\"_self\">Ver Sentencia Completa...<\/a><\/div><\/div><\/div><\/div>\n<div class=\"col-md-12 col-sm-12 col-xs-12 pt-cv-content-item pt-cv-1-col\" ><div class='pt-cv-ifield'><a href=\"https:\/\/www.dmsjuridica.com\/buscador_20179478954\/corteconstitucionalcronologico202454587\/t-810-08\/\" class=\"_self pt-cv-href-thumbnail pt-cv-thumb-default\" target=\"_self\" ><\/a>\n<div class=\"pt-cv-taxoterm above_title\"><a href='https:\/\/www.dmsjuridica.com\/buscador_20179478954\/corteconstitucionalcronologico202454587\/category\/buscar-en-toda-la-corte\/2008\/tutelas-2008\/' title='Tutelas 2008' class='pt-cv-tax-tutelas-2008'>Tutelas 2008<\/a><\/div>\n<h4 class=\"pt-cv-title\"><a href=\"https:\/\/www.dmsjuridica.com\/buscador_20179478954\/corteconstitucionalcronologico202454587\/t-810-08\/\" class=\"_self\" target=\"_self\" >T-810-08<\/a><\/h4>\n<div class=\"pt-cv-content\">\u00a0 \u00a0 Sentencia T-810\/08\u00a0 \u00a0 ACCION DE TUTELA PARA EXIGIR EMISION DE BONOS PENSIONALES-Procedencia excepcional \u00a0 ACCION DE TUTELA-Inexistencia de perjuicio irremediable \u00a0 Referencia: expediente T-1951981 \u00a0 Acci\u00f3n de tutela instaurada por Humberto Nieto Gonz\u00e1lez contra la Compa\u00f1\u00eda de Inversiones de la Flota Mercante S.A. en liquidaci\u00f3n. \u00a0 Magistrado Ponente: \u00a0 Dr. MANUEL JOSE CEPEDA ESPINOSA \u00a0 Bogot\u00e1 D.C., veintiuno (21) de agosto de dos mil ocho (2008). \u00a0 La Sala Segunda de Revisi\u00f3n de la Corte Constitucional, integrada por los magistrados, Manuel Jos\u00e9 Cepeda Espinosa, Jaime C\u00f3rdoba Trivi\u00f1o y Rodrigo Escobar Gil, en ejercicio de sus competencias constitucionales y ...<br \/><div class=\"pt-cv-rmwrap\"><a href=\"https:\/\/www.dmsjuridica.com\/buscador_20179478954\/corteconstitucionalcronologico202454587\/t-810-08\/\" class=\"_self pt-cv-readmore btn btn-success\" target=\"_self\">Ver Sentencia Completa...<\/a><\/div><\/div><\/div><\/div>\n<div class=\"col-md-12 col-sm-12 col-xs-12 pt-cv-content-item pt-cv-1-col\" ><div class='pt-cv-ifield'><a href=\"https:\/\/www.dmsjuridica.com\/buscador_20179478954\/corteconstitucionalcronologico202454587\/t-809-08\/\" class=\"_self pt-cv-href-thumbnail pt-cv-thumb-default\" target=\"_self\" ><\/a>\n<div class=\"pt-cv-taxoterm above_title\"><a href='https:\/\/www.dmsjuridica.com\/buscador_20179478954\/corteconstitucionalcronologico202454587\/category\/buscar-en-toda-la-corte\/2008\/tutelas-2008\/' title='Tutelas 2008' class='pt-cv-tax-tutelas-2008'>Tutelas 2008<\/a><\/div>\n<h4 class=\"pt-cv-title\"><a href=\"https:\/\/www.dmsjuridica.com\/buscador_20179478954\/corteconstitucionalcronologico202454587\/t-809-08\/\" class=\"_self\" target=\"_self\" >T-809-08<\/a><\/h4>\n<div class=\"pt-cv-content\">\u00a0 \u00a0 Sentencia T-809\/08 \u00a0 ACCION DE TUTELA-Naturaleza subsidiaria \u00a0 JUECES DE PAZ-Decisi\u00f3n en equidad \u00a0 JUECES DE PAZ-Contra sus sentencias cabe interponer recurso de reconsideraci\u00f3n de acuerdo con la Ley 497 de 1999 \u00a0 El recurso es resuelto por los jueces de paz de reconsideraci\u00f3n. Estos conforman un cuerpo colegiado de tres (3) integrantes: el Juez de Paz de conocimiento, y otros dos, elegidos de acuerdo con la reglamentaci\u00f3n expedida por el Consejo Nacional Electoral. Si no hay jueces de reconsideraci\u00f3n elegidos seg\u00fan el reglamento del Consejo Nacional Electoral, ya sea porque no cumplen los requisitos previstos en la ...<br \/><div class=\"pt-cv-rmwrap\"><a href=\"https:\/\/www.dmsjuridica.com\/buscador_20179478954\/corteconstitucionalcronologico202454587\/t-809-08\/\" class=\"_self pt-cv-readmore btn btn-success\" target=\"_self\">Ver Sentencia Completa...<\/a><\/div><\/div><\/div><\/div>\n<div class=\"col-md-12 col-sm-12 col-xs-12 pt-cv-content-item pt-cv-1-col\" ><div class='pt-cv-ifield'><a href=\"https:\/\/www.dmsjuridica.com\/buscador_20179478954\/corteconstitucionalcronologico202454587\/t-808-08\/\" class=\"_self pt-cv-href-thumbnail pt-cv-thumb-default\" target=\"_self\" ><\/a>\n<div class=\"pt-cv-taxoterm above_title\"><a href='https:\/\/www.dmsjuridica.com\/buscador_20179478954\/corteconstitucionalcronologico202454587\/category\/buscar-en-toda-la-corte\/2008\/tutelas-2008\/' title='Tutelas 2008' class='pt-cv-tax-tutelas-2008'>Tutelas 2008<\/a><\/div>\n<h4 class=\"pt-cv-title\"><a href=\"https:\/\/www.dmsjuridica.com\/buscador_20179478954\/corteconstitucionalcronologico202454587\/t-808-08\/\" class=\"_self\" target=\"_self\" >T-808-08<\/a><\/h4>\n<div class=\"pt-cv-content\">\u00a0 \u00a0 Sentencia T-808\/08 \u00a0 DERECHO A LA SALUD-Acceso a servicios de salud no incluidos dentro del POS \u00a0 PLAN OBLIGATORIO DE SALUD-Capacidad econ\u00f3mica del usuario respecto de servicios no cubiertos \u00a0 PLAN OBLIGATORIO DE SALUD-Destinaci\u00f3n de los recursos del Fosyga \u00a0 Los recursos del Fosyga est\u00e1n destinados exclusivamente para las personas que les es imposible, por sus propios medios econ\u00f3micos, acceder a tratamientos, medicamentos o pruebas de diagn\u00f3stico excluidos del POS, que requieran con urgencia para salvaguardar su vida y su integridad. Dar un uso distinto a estos recursos o incluir dentro de los beneficiarios a quienes no cumplan ...<br \/><div class=\"pt-cv-rmwrap\"><a href=\"https:\/\/www.dmsjuridica.com\/buscador_20179478954\/corteconstitucionalcronologico202454587\/t-808-08\/\" class=\"_self pt-cv-readmore btn btn-success\" target=\"_self\">Ver Sentencia Completa...<\/a><\/div><\/div><\/div><\/div>\n<div class=\"col-md-12 col-sm-12 col-xs-12 pt-cv-content-item pt-cv-1-col\" ><div class='pt-cv-ifield'><a href=\"https:\/\/www.dmsjuridica.com\/buscador_20179478954\/corteconstitucionalcronologico202454587\/t-797-08\/\" class=\"_self pt-cv-href-thumbnail pt-cv-thumb-default\" target=\"_self\" ><\/a>\n<div class=\"pt-cv-taxoterm above_title\"><a href='https:\/\/www.dmsjuridica.com\/buscador_20179478954\/corteconstitucionalcronologico202454587\/category\/buscar-en-toda-la-corte\/2008\/tutelas-2008\/' title='Tutelas 2008' class='pt-cv-tax-tutelas-2008'>Tutelas 2008<\/a><\/div>\n<h4 class=\"pt-cv-title\"><a href=\"https:\/\/www.dmsjuridica.com\/buscador_20179478954\/corteconstitucionalcronologico202454587\/t-797-08\/\" class=\"_self\" target=\"_self\" >T-797-08<\/a><\/h4>\n<div class=\"pt-cv-content\">\u00a0 \u00a0 Sentencia T-797\/08 \u00a0 LIBERTAD DE CONFIGURACION LEGISLATIVA EN EL AMBITO DE LA SEGURIDAD SOCIAL EN SALUD-Alcance \u00a0 SISTEMA GENERAL DE SEGURIDAD SOCIAL EN SALUD-Principios orientadores \u00a0 REGIMEN SUBSIDIADO DE SALUD-Identificaci\u00f3n de beneficiarios y afiliaci\u00f3n. \u00a0 REGIMEN SUBSIDIADO DE SEGURIDAD SOCIAL EN SALUD-Personas sin capacidad de pago \u00a0 SISBEN-Sistema de identificaci\u00f3n de potenciales beneficiarios \u00a0 SISTEMA DE SEGURIDAD SOCIAL EN SALUD-Afiliaci\u00f3n al R\u00e9gimen Subsidiado y libertad de elecci\u00f3n \u00a0 SISTEMA DE SEGURIDAD SOCIAL EN SALUD-Mecanismos legales para hacer frente a los problemas de selecci\u00f3n de riesgos \u00a0 SISTEMA DE SEGURIDAD SOCIAL EN SALUD-Rechazo de solicitud de afiliaci\u00f3n\u00a0 \u00a0 El ...<br \/><div class=\"pt-cv-rmwrap\"><a href=\"https:\/\/www.dmsjuridica.com\/buscador_20179478954\/corteconstitucionalcronologico202454587\/t-797-08\/\" class=\"_self pt-cv-readmore btn btn-success\" target=\"_self\">Ver Sentencia Completa...<\/a><\/div><\/div><\/div><\/div>\n<div class=\"col-md-12 col-sm-12 col-xs-12 pt-cv-content-item pt-cv-1-col\" ><div class='pt-cv-ifield'><a href=\"https:\/\/www.dmsjuridica.com\/buscador_20179478954\/corteconstitucionalcronologico202454587\/t-795-08\/\" class=\"_self pt-cv-href-thumbnail pt-cv-thumb-default\" target=\"_self\" ><\/a>\n<div class=\"pt-cv-taxoterm above_title\"><a href='https:\/\/www.dmsjuridica.com\/buscador_20179478954\/corteconstitucionalcronologico202454587\/category\/buscar-en-toda-la-corte\/2008\/tutelas-2008\/' title='Tutelas 2008' class='pt-cv-tax-tutelas-2008'>Tutelas 2008<\/a><\/div>\n<h4 class=\"pt-cv-title\"><a href=\"https:\/\/www.dmsjuridica.com\/buscador_20179478954\/corteconstitucionalcronologico202454587\/t-795-08\/\" class=\"_self\" target=\"_self\" >T-795-08<\/a><\/h4>\n<div class=\"pt-cv-content\">\u00a0 \u00a0 Sentencia T-795\/08 \u00a0 CONTRATO DE MEDICINA PREPAGADA-Integraci\u00f3n al sistema general de seguridad social en salud \u00a0 CONTRATO DE MEDICINA PREPAGADA-Principios de integralidad y progresividad \u00a0 PLANES ADICIONALES DE SALUD EN EL SISTEMA GENERAL DE SEGURIDAD SOCIAL EN SALUD-Definici\u00f3n \u00a0 PLANES ADICIONALES DE SALUD EN EL SISTEMA GENERAL DE SEGURIDAD SOCIAL EN SALUD-Alcance \u00a0 PRINCIPIO DE LA BUENA FE EN CONTRATO DE MEDICINA PREPAGADA-Alcance \u00a0 CONTRATO DE MEDICINA PREPAGADA-Aplicaci\u00f3n del principio de la buena fe \u00a0 CONTRATO DE MEDICINA PREPAGADA-Preexistencias no excluidas al momento del contrato \u00a0 CONTRATO DE MEDICINA PREPAGADA-Exclusi\u00f3n de preexistencias previa, expresa y taxativamente \u00a0 \u00a0 ...<br \/><div class=\"pt-cv-rmwrap\"><a href=\"https:\/\/www.dmsjuridica.com\/buscador_20179478954\/corteconstitucionalcronologico202454587\/t-795-08\/\" class=\"_self pt-cv-readmore btn btn-success\" target=\"_self\">Ver Sentencia Completa...<\/a><\/div><\/div><\/div><\/div>\n<div class=\"col-md-12 col-sm-12 col-xs-12 pt-cv-content-item pt-cv-1-col\" ><div class='pt-cv-ifield'><a href=\"https:\/\/www.dmsjuridica.com\/buscador_20179478954\/corteconstitucionalcronologico202454587\/t-794-08\/\" class=\"_self pt-cv-href-thumbnail pt-cv-thumb-default\" target=\"_self\" ><\/a>\n<div class=\"pt-cv-taxoterm above_title\"><a href='https:\/\/www.dmsjuridica.com\/buscador_20179478954\/corteconstitucionalcronologico202454587\/category\/buscar-en-toda-la-corte\/2008\/tutelas-2008\/' title='Tutelas 2008' class='pt-cv-tax-tutelas-2008'>Tutelas 2008<\/a><\/div>\n<h4 class=\"pt-cv-title\"><a href=\"https:\/\/www.dmsjuridica.com\/buscador_20179478954\/corteconstitucionalcronologico202454587\/t-794-08\/\" class=\"_self\" target=\"_self\" >T-794-08<\/a><\/h4>\n<div class=\"pt-cv-content\">DERECHO A LA MATERNIDAD-Protecci\u00f3n especial a la mujer \u00a0 MATERNIDAD-Protecci\u00f3n constitucional especial \u00a0 DERECHO A LA MATERNIDAD-Instrumentos internacionales de protecci\u00f3n \u00a0 LICENCIA DE MATERNIDAD-Hace parte del m\u00ednimo vital \u00a0 ACCION DE TUTELA PARA EL PAGO DE LICENCIA DE MATERNIDAD-Requisitos de procedencia \u00a0 ACCION DE TUTELA PARA EL PAGO DE LICENCIA DE MATERNIDAD-T\u00e9rmino \u00a0 LICENCIA DE MATERNIDAD-Deber de cotizaci\u00f3n durante periodo de gestaci\u00f3n debe analizarse a la luz de cada embarazo \u00a0 LICENCIA DE MATERNIDAD Y SUBREGLAS JURISPRUDENCIALES PARA ACCEDER AL PAGO-Si el periodo dejado de cotizar es inferior a dos meses se paga el total y si es mayor de ...<br \/><div class=\"pt-cv-rmwrap\"><a href=\"https:\/\/www.dmsjuridica.com\/buscador_20179478954\/corteconstitucionalcronologico202454587\/t-794-08\/\" class=\"_self pt-cv-readmore btn btn-success\" target=\"_self\">Ver Sentencia Completa...<\/a><\/div><\/div><\/div><\/div>\n<div class=\"col-md-12 col-sm-12 col-xs-12 pt-cv-content-item pt-cv-1-col\" ><div class='pt-cv-ifield'><a href=\"https:\/\/www.dmsjuridica.com\/buscador_20179478954\/corteconstitucionalcronologico202454587\/t-793-08\/\" class=\"_self pt-cv-href-thumbnail pt-cv-thumb-default\" target=\"_self\" ><\/a>\n<div class=\"pt-cv-taxoterm above_title\"><a href='https:\/\/www.dmsjuridica.com\/buscador_20179478954\/corteconstitucionalcronologico202454587\/category\/buscar-en-toda-la-corte\/2008\/tutelas-2008\/' title='Tutelas 2008' class='pt-cv-tax-tutelas-2008'>Tutelas 2008<\/a><\/div>\n<h4 class=\"pt-cv-title\"><a href=\"https:\/\/www.dmsjuridica.com\/buscador_20179478954\/corteconstitucionalcronologico202454587\/t-793-08\/\" class=\"_self\" target=\"_self\" >T-793-08<\/a><\/h4>\n<div class=\"pt-cv-content\">\u00a0 \u00a0 Sentencia T-793\/08 \u00a0 PRINCIPIO DE DIGNIDAD HUMANA-Contenido material \u00a0 DERECHOS FUNDAMENTALES DEL INTERNO-L\u00edmites razonables y proporcionales \u00a0 POTESTAD REGLAMENTARIA DE DIRECTOR DE ESTABLECIMIENTO CARCELARIO-Debe basarse en criterios razonables, proporcionales y objetivos \u00a0 ESTABLECIMIENTO CARCELARIO-Suministro peri\u00f3dico de elementos de aseo\/ DOTACION MINIMA DE INTERNOS \u00a0 DOCTRINA CONSTITUCIONAL SOBRE RELACIONES DE ESPECIAL SUJECION-Caracter\u00edsticas \u00a0 DERECHOS DEL INTERNO-Elementos de las relaciones especiales de sujeci\u00f3n con el Estado \u00a0 DOTACION MINIMA DE INTERNOS-Compromete la dignidad humana del interno y debe ser suministrada por el Estado \u00a0 DERECHOS DEL INTERNO-Reglas m\u00ednimas para el tratamiento de los reclusos \u00a0 DERECHO A LA DIGNIDAD HUMANA ...<br \/><div class=\"pt-cv-rmwrap\"><a href=\"https:\/\/www.dmsjuridica.com\/buscador_20179478954\/corteconstitucionalcronologico202454587\/t-793-08\/\" class=\"_self pt-cv-readmore btn btn-success\" target=\"_self\">Ver Sentencia Completa...<\/a><\/div><\/div><\/div><\/div>\n<div class=\"col-md-12 col-sm-12 col-xs-12 pt-cv-content-item pt-cv-1-col\" ><div class='pt-cv-ifield'><a href=\"https:\/\/www.dmsjuridica.com\/buscador_20179478954\/corteconstitucionalcronologico202454587\/t-792-08\/\" class=\"_self pt-cv-href-thumbnail pt-cv-thumb-default\" target=\"_self\" ><\/a>\n<div class=\"pt-cv-taxoterm above_title\"><a href='https:\/\/www.dmsjuridica.com\/buscador_20179478954\/corteconstitucionalcronologico202454587\/category\/buscar-en-toda-la-corte\/2008\/tutelas-2008\/' title='Tutelas 2008' class='pt-cv-tax-tutelas-2008'>Tutelas 2008<\/a><\/div>\n<h4 class=\"pt-cv-title\"><a href=\"https:\/\/www.dmsjuridica.com\/buscador_20179478954\/corteconstitucionalcronologico202454587\/t-792-08\/\" class=\"_self\" target=\"_self\" >T-792-08<\/a><\/h4>\n<div class=\"pt-cv-content\">\u00a0 \u00a0 Sentencia T-792\/08 \u00a0 ACCION DE TUTELA-Carencia actual de objeto por hecho superado \u00a0 ACCION DE TUTELA-Carencia actual de objeto no exime pronunciamiento de fondo \u00a0 ACCION DE TUTELA-Fen\u00f3meno de la carencia actual de objeto \u00a0 Se presenta cuando los motivos que generan la interposici\u00f3n de la acci\u00f3n de tutela cesan o desaparecen por cualquier causa, perdiendo as\u00ed su raz\u00f3n de ser por no haber un objeto jur\u00eddico sobre el cual proveer. Sin embargo, ello no es \u00f3bice para que el juez constitucional, ya sea en segunda instancia o en sede de revisi\u00f3n, entre a analizar la juricidad del ...<br \/><div class=\"pt-cv-rmwrap\"><a href=\"https:\/\/www.dmsjuridica.com\/buscador_20179478954\/corteconstitucionalcronologico202454587\/t-792-08\/\" class=\"_self pt-cv-readmore btn btn-success\" target=\"_self\">Ver Sentencia Completa...<\/a><\/div><\/div><\/div><\/div>\n<div class=\"col-md-12 col-sm-12 col-xs-12 pt-cv-content-item pt-cv-1-col\" ><div class='pt-cv-ifield'><a href=\"https:\/\/www.dmsjuridica.com\/buscador_20179478954\/corteconstitucionalcronologico202454587\/t-791-08\/\" class=\"_self pt-cv-href-thumbnail pt-cv-thumb-default\" target=\"_self\" ><\/a>\n<div class=\"pt-cv-taxoterm above_title\"><a href='https:\/\/www.dmsjuridica.com\/buscador_20179478954\/corteconstitucionalcronologico202454587\/category\/buscar-en-toda-la-corte\/2008\/tutelas-2008\/' title='Tutelas 2008' class='pt-cv-tax-tutelas-2008'>Tutelas 2008<\/a><\/div>\n<h4 class=\"pt-cv-title\"><a href=\"https:\/\/www.dmsjuridica.com\/buscador_20179478954\/corteconstitucionalcronologico202454587\/t-791-08\/\" class=\"_self\" target=\"_self\" >T-791-08<\/a><\/h4>\n<div class=\"pt-cv-content\">\u00a0 \u00a0 Sentencia T-791\/08 \u00a0 DERECHO A LA PENSION DE INVALIDEZ-Requisitos \u00a0 PENSION DE INVALIDEZ-Procedencia excepcional por tutela cuando toma el car\u00e1cter de fundamental por conexidad \u00a0 PENSION DE INVALIDEZ-Persona en circunstancias de debilidad manifiesta \u00a0 PENSION DE INVALIDEZ-Tr\u00e1nsito legislativo en el cumplimiento de los requisitos para acceder a ella \u00a0 PRINCIPIO DE PROGRESIVIDAD EN DERECHO A LA SEGURIDAD SOCIAL-Aplicaci\u00f3n a la pensi\u00f3n de invalidez \u00a0 ACCION DE TUTELA-Aplicaci\u00f3n del art\u00edculo 39 de la ley 100 de 1993 \u00a0 LEY 860\/03-Impone mayores exigencias para acceder a pensi\u00f3n de invalidez\/LEY 860\/03-Regulaci\u00f3n regresiva en materia de pensi\u00f3n de invalidez \u00a0 PENSION DE ...<br \/><div class=\"pt-cv-rmwrap\"><a href=\"https:\/\/www.dmsjuridica.com\/buscador_20179478954\/corteconstitucionalcronologico202454587\/t-791-08\/\" class=\"_self pt-cv-readmore btn btn-success\" target=\"_self\">Ver Sentencia Completa...<\/a><\/div><\/div><\/div><\/div>\n<div class=\"col-md-12 col-sm-12 col-xs-12 pt-cv-content-item pt-cv-1-col\" ><div class='pt-cv-ifield'><a href=\"https:\/\/www.dmsjuridica.com\/buscador_20179478954\/corteconstitucionalcronologico202454587\/t-789-08\/\" class=\"_self pt-cv-href-thumbnail pt-cv-thumb-default\" target=\"_self\" ><\/a>\n<div class=\"pt-cv-taxoterm above_title\"><a href='https:\/\/www.dmsjuridica.com\/buscador_20179478954\/corteconstitucionalcronologico202454587\/category\/buscar-en-toda-la-corte\/2008\/tutelas-2008\/' title='Tutelas 2008' class='pt-cv-tax-tutelas-2008'>Tutelas 2008<\/a><\/div>\n<h4 class=\"pt-cv-title\"><a href=\"https:\/\/www.dmsjuridica.com\/buscador_20179478954\/corteconstitucionalcronologico202454587\/t-789-08\/\" class=\"_self\" target=\"_self\" >T-789-08<\/a><\/h4>\n<div class=\"pt-cv-content\">\u00a0 \u00a0 Sentencia T-789\/08 \u00a0 ACCION DE TUTELA CONTRA PROVIDENCIAS JUDICIALES-Situaciones de procedencia \u00a0 ACCION DE TUTELA CONTRA PROVIDENCIAS JUDICIALES-Requisitos generales de procedibilidad \u00a0 ACCION DE TUTELA CONTRA PROVIDENCIAS JUDICIALES-Car\u00e1cter residual y subsidiario \u00a0 ACCION DE TUTELA-Procedencia excepcional para protecci\u00f3n de derechos prestacionales \u00a0 DERECHO A MANTENER EL PODER ADQUISITIVO DE LAS PENSIONES-Incluye actualizaci\u00f3n de salario base para liquidaci\u00f3n de primera mesada \u00a0 DERECHOS DEL PENSIONADO A MANTENER EL PODER ADQUISITIVO DE LA MESADA-Procedencia de su reconocimiento \u00a0 ACCION DE TUTELA CONTRA DECISIONES JUDICIALES RELACIONADAS CON EL DERECHO DE LOS PENSIONADOS A MANTENER EL PODER ADQUISITIVO DE LA PRESTACION-Procedencia \u00a0 ...<br \/><div class=\"pt-cv-rmwrap\"><a href=\"https:\/\/www.dmsjuridica.com\/buscador_20179478954\/corteconstitucionalcronologico202454587\/t-789-08\/\" class=\"_self pt-cv-readmore btn btn-success\" target=\"_self\">Ver Sentencia Completa...<\/a><\/div><\/div><\/div><\/div>\n<div class=\"col-md-12 col-sm-12 col-xs-12 pt-cv-content-item pt-cv-1-col\" ><div class='pt-cv-ifield'><a href=\"https:\/\/www.dmsjuridica.com\/buscador_20179478954\/corteconstitucionalcronologico202454587\/t-788-08\/\" class=\"_self pt-cv-href-thumbnail pt-cv-thumb-default\" target=\"_self\" ><\/a>\n<div class=\"pt-cv-taxoterm above_title\"><a href='https:\/\/www.dmsjuridica.com\/buscador_20179478954\/corteconstitucionalcronologico202454587\/category\/buscar-en-toda-la-corte\/2008\/tutelas-2008\/' title='Tutelas 2008' class='pt-cv-tax-tutelas-2008'>Tutelas 2008<\/a><\/div>\n<h4 class=\"pt-cv-title\"><a href=\"https:\/\/www.dmsjuridica.com\/buscador_20179478954\/corteconstitucionalcronologico202454587\/t-788-08\/\" class=\"_self\" target=\"_self\" >T-788-08<\/a><\/h4>\n<div class=\"pt-cv-content\">\u00a0 \u00a0 Sentencia T-788\/08 \u00a0 DERECHO A LA SALUD DEL NI\u00d1O-Suministro de silla de ruedas y pa\u00f1ales \u00a0 DERECHO A LA VIDA DIGNA DEL NI\u00d1O-Suministro silla de ruedas y pa\u00f1ales \u00a0 PLAN OBLIGATORIO DE SALUD SUBSIDIADO-Competencia legal para la prestaci\u00f3n y suministro de medicamentos y servicios m\u00e9dicos \u00a0 PLAN OBLIGATORIO DE SALUD SUBSIDIADO-Instituciones p\u00fablicas o privadas con las cuales el Estado tenga contrato \u00a0 DERECHO A LA SALUD-Procedimientos y servicios que est\u00e1n fuera del POS deber\u00e1n ser cubiertos por los entes territoriales correspondientes \u00a0 Referencia: expediente T-1890940 \u00a0 Acci\u00f3n de tutela instaurada por Adela del Socorro Vargas de Restrepo como ...<br \/><div class=\"pt-cv-rmwrap\"><a href=\"https:\/\/www.dmsjuridica.com\/buscador_20179478954\/corteconstitucionalcronologico202454587\/t-788-08\/\" class=\"_self pt-cv-readmore btn btn-success\" target=\"_self\">Ver Sentencia Completa...<\/a><\/div><\/div><\/div><\/div>\n<div class=\"col-md-12 col-sm-12 col-xs-12 pt-cv-content-item pt-cv-1-col\" ><div class='pt-cv-ifield'><a href=\"https:\/\/www.dmsjuridica.com\/buscador_20179478954\/corteconstitucionalcronologico202454587\/t-787-08\/\" class=\"_self pt-cv-href-thumbnail pt-cv-thumb-default\" target=\"_self\" ><\/a>\n<div class=\"pt-cv-taxoterm above_title\"><a href='https:\/\/www.dmsjuridica.com\/buscador_20179478954\/corteconstitucionalcronologico202454587\/category\/buscar-en-toda-la-corte\/2008\/tutelas-2008\/' title='Tutelas 2008' class='pt-cv-tax-tutelas-2008'>Tutelas 2008<\/a><\/div>\n<h4 class=\"pt-cv-title\"><a href=\"https:\/\/www.dmsjuridica.com\/buscador_20179478954\/corteconstitucionalcronologico202454587\/t-787-08\/\" class=\"_self\" target=\"_self\" >T-787-08<\/a><\/h4>\n<div class=\"pt-cv-content\">\u00a0 \u00a0 Sentencia T-787\/08 \u00a0 ACCION DE TUTELA-Procedencia como mecanismo de protecci\u00f3n de los derechos de los desplazados \u00a0 DESPLAZAMIENTO FORZADO POR LA VIOLENCIA-Condiciones para ser considerado como una persona en esa situaci\u00f3n\u00a0 \u00a0 REGISTRO UNICO DE POBLACION DESPLAZADA-Funciones y objetivos \u00a0 INSCRIPCION EN EL REGISTRO UNICO DE POBLACION DESPLAZADA-Afiliaci\u00f3n al SISBEN no es el \u00fanico elemento de juicio para resolver una solicitud de inscripci\u00f3n \u00a0 ACCION DE TUTELA-Orden a Unidad Territorial de la Agencia Presidencia para la Acci\u00f3n Social de realizar una segunda evaluaci\u00f3n acerca de la inclusi\u00f3n en el RUPD \u00a0 Referencia: expediente T-1.883.520 \u00a0 Acci\u00f3n de tutela ...<br \/><div class=\"pt-cv-rmwrap\"><a href=\"https:\/\/www.dmsjuridica.com\/buscador_20179478954\/corteconstitucionalcronologico202454587\/t-787-08\/\" class=\"_self pt-cv-readmore btn btn-success\" target=\"_self\">Ver Sentencia Completa...<\/a><\/div><\/div><\/div><\/div>\n<div class=\"col-md-12 col-sm-12 col-xs-12 pt-cv-content-item pt-cv-1-col\" ><div class='pt-cv-ifield'><a href=\"https:\/\/www.dmsjuridica.com\/buscador_20179478954\/corteconstitucionalcronologico202454587\/t-786-08\/\" class=\"_self pt-cv-href-thumbnail pt-cv-thumb-default\" target=\"_self\" ><\/a>\n<div class=\"pt-cv-taxoterm above_title\"><a href='https:\/\/www.dmsjuridica.com\/buscador_20179478954\/corteconstitucionalcronologico202454587\/category\/buscar-en-toda-la-corte\/2008\/tutelas-2008\/' title='Tutelas 2008' class='pt-cv-tax-tutelas-2008'>Tutelas 2008<\/a><\/div>\n<h4 class=\"pt-cv-title\"><a href=\"https:\/\/www.dmsjuridica.com\/buscador_20179478954\/corteconstitucionalcronologico202454587\/t-786-08\/\" class=\"_self\" target=\"_self\" >T-786-08<\/a><\/h4>\n<div class=\"pt-cv-content\">\u00a0 \u00a0 Sentencia T-786\/08 \u00a0 ACCION DE TUTELA PARA RECONOCIMIENTO DE PENSION DE SOBREVIVIENTES-Procedencia \u00a0 ACCION DE TUTELA-Condiciones de procedencia excepcional para reconocimiento de pensiones \u00a0 ACCION DE TUTELA FRENTE A MEDIO DE DEFENSA JUDICIAL-Procedencia como mecanismo transitorio para evitar un perjuicio irremediable \u00a0 DERECHO A LA SUSTITUCION PENSIONAL-Finalidad \u00a0 DERECHO A LA PENSION DE SOBREVIVIENTES-Beneficiario no debe soportar la carga de la irresponsabilidad del empleador ni la ineficiencia de la administraci\u00f3n \u00a0 DERECHO A LA SEGURIDAD SOCIAL-Mora en la transferencia de los aportes pensionales \u00a0 ENTIDAD ADMINISTRADORA DE PENSIONES-Debe exigir al patrono la cancelaci\u00f3n de aportes \u00a0 DERECHO A ...<br \/><div class=\"pt-cv-rmwrap\"><a href=\"https:\/\/www.dmsjuridica.com\/buscador_20179478954\/corteconstitucionalcronologico202454587\/t-786-08\/\" class=\"_self pt-cv-readmore btn btn-success\" target=\"_self\">Ver Sentencia Completa...<\/a><\/div><\/div><\/div><\/div>\n<div class=\"col-md-12 col-sm-12 col-xs-12 pt-cv-content-item pt-cv-1-col\" ><div class='pt-cv-ifield'><a href=\"https:\/\/www.dmsjuridica.com\/buscador_20179478954\/corteconstitucionalcronologico202454587\/t-784-08\/\" class=\"_self pt-cv-href-thumbnail pt-cv-thumb-default\" target=\"_self\" ><\/a>\n<div class=\"pt-cv-taxoterm above_title\"><a href='https:\/\/www.dmsjuridica.com\/buscador_20179478954\/corteconstitucionalcronologico202454587\/category\/buscar-en-toda-la-corte\/2008\/tutelas-2008\/' title='Tutelas 2008' class='pt-cv-tax-tutelas-2008'>Tutelas 2008<\/a><\/div>\n<h4 class=\"pt-cv-title\"><a href=\"https:\/\/www.dmsjuridica.com\/buscador_20179478954\/corteconstitucionalcronologico202454587\/t-784-08\/\" class=\"_self\" target=\"_self\" >T-784-08<\/a><\/h4>\n<div class=\"pt-cv-content\">\u00a0 \u00a0 Sentencia T-784\/08 \u00a0 DERECHO A LA SALUD DEL NI\u00d1O-Suministro de medicamentos gen\u00e9ricos por previa valoraci\u00f3n del m\u00e9dico adscrito a EPS \u00a0 DERECHO A LA SALUD-Requisitos para suministro de medicamentos excluidos del POS \u00a0 DERECHO A LA SALUD DEL MENOR-Continuidad en suministro de tratamiento y medicamentos, terapias o intervenciones quir\u00fargicas\u00a0 \u00a0 Referencia: expediente T-1916518 \u00a0 Acci\u00f3n de tutela instaurada por Liliana C\u00f3rdoba Pino en representaci\u00f3n de su menor hijo Luis Fernando Cardona C\u00f3rdoba contra la EPS COLMEDICA. \u00a0 Magistrado Ponente: \u00a0 Dr. MANUEL JOS\u00c9 CEPEDA ESPINOSA \u00a0 Bogot\u00e1, D.C., catorce (14) de agosto de dos mil ocho (2008). \u00a0 ...<br \/><div class=\"pt-cv-rmwrap\"><a href=\"https:\/\/www.dmsjuridica.com\/buscador_20179478954\/corteconstitucionalcronologico202454587\/t-784-08\/\" class=\"_self pt-cv-readmore btn btn-success\" target=\"_self\">Ver Sentencia Completa...<\/a><\/div><\/div><\/div><\/div>\n<div class=\"col-md-12 col-sm-12 col-xs-12 pt-cv-content-item pt-cv-1-col\" ><div class='pt-cv-ifield'><a href=\"https:\/\/www.dmsjuridica.com\/buscador_20179478954\/corteconstitucionalcronologico202454587\/t-783-08\/\" class=\"_self pt-cv-href-thumbnail pt-cv-thumb-default\" target=\"_self\" ><\/a>\n<div class=\"pt-cv-taxoterm above_title\"><a href='https:\/\/www.dmsjuridica.com\/buscador_20179478954\/corteconstitucionalcronologico202454587\/category\/buscar-en-toda-la-corte\/2008\/tutelas-2008\/' title='Tutelas 2008' class='pt-cv-tax-tutelas-2008'>Tutelas 2008<\/a><\/div>\n<h4 class=\"pt-cv-title\"><a href=\"https:\/\/www.dmsjuridica.com\/buscador_20179478954\/corteconstitucionalcronologico202454587\/t-783-08\/\" class=\"_self\" target=\"_self\" >T-783-08<\/a><\/h4>\n<div class=\"pt-cv-content\">\u00a0 \u00a0 Sentencia T-783\/08 \u00a0 ACCION DE TUTELA-Procedencia como mecanismo transitorio para evitar un perjuicio irremediable \u00a0 FONDO NACIONAL DE PRESTACIONES SOCIALES DEL MAGISTERIO-R\u00e9gimen especial de seguridad social en salud de los docentes \u00a0 DERECHO DE ACCESO A LA SEGURIDAD SOCIAL-R\u00e9gimen de beneficiarios de servicios de salud del fondo nacional de prestaciones sociales del magisterio \u00a0 FONDO NACIONAL DE PRESTACIONES SOCIALES DEL MAGISTERIO-Inaplicaci\u00f3n de requisito exigido para cobertura del sistema de salud a estudiantes de jornada nocturna \u00a0 PRINCIPIO DE EQUIDAD EN LA APLICACION DE LA NORMA LEGAL-El juez debe tener en cuenta las particularidades de cada caso al aplicar ...<br \/><div class=\"pt-cv-rmwrap\"><a href=\"https:\/\/www.dmsjuridica.com\/buscador_20179478954\/corteconstitucionalcronologico202454587\/t-783-08\/\" class=\"_self pt-cv-readmore btn btn-success\" target=\"_self\">Ver Sentencia Completa...<\/a><\/div><\/div><\/div><\/div>\n<div class=\"col-md-12 col-sm-12 col-xs-12 pt-cv-content-item pt-cv-1-col\" ><div class='pt-cv-ifield'><a href=\"https:\/\/www.dmsjuridica.com\/buscador_20179478954\/corteconstitucionalcronologico202454587\/t-782-08\/\" class=\"_self pt-cv-href-thumbnail pt-cv-thumb-default\" target=\"_self\" ><\/a>\n<div class=\"pt-cv-taxoterm above_title\"><a href='https:\/\/www.dmsjuridica.com\/buscador_20179478954\/corteconstitucionalcronologico202454587\/category\/buscar-en-toda-la-corte\/2008\/tutelas-2008\/' title='Tutelas 2008' class='pt-cv-tax-tutelas-2008'>Tutelas 2008<\/a><\/div>\n<h4 class=\"pt-cv-title\"><a href=\"https:\/\/www.dmsjuridica.com\/buscador_20179478954\/corteconstitucionalcronologico202454587\/t-782-08\/\" class=\"_self\" target=\"_self\" >T-782-08<\/a><\/h4>\n<div class=\"pt-cv-content\">\u00a0 \u00a0 Sentencia T-782\/08 \u00a0 Referencia: expediente T-1808573 \u00a0 Acci\u00f3n de tutela instaurada por Zheger Del Carmen Hay Harb contra la Procuradur\u00eda General de la Naci\u00f3n \u00a0 Magistrado Ponente: \u00a0 Dr. MANUEL JOS\u00c9 CEPEDA ESPINOSA \u00a0 Bogot\u00e1 D.C., catorce (14) de agosto de dos mil ocho (2008). \u00a0 La Sala Segunda de Revisi\u00f3n de la Corte Constitucional, integrada por los magistrados, Manuel Jos\u00e9 Cepeda Espinosa, Jaime C\u00f3rdoba Trivi\u00f1o y Rodrigo Escobar Gil, en ejercicio de sus competencias constitucionales y legales ha proferido la siguiente \u00a0 SENTENCIA \u00a0 Que pone fin al proceso de revisi\u00f3n de los fallos proferidos por el ...<br \/><div class=\"pt-cv-rmwrap\"><a href=\"https:\/\/www.dmsjuridica.com\/buscador_20179478954\/corteconstitucionalcronologico202454587\/t-782-08\/\" class=\"_self pt-cv-readmore btn btn-success\" target=\"_self\">Ver Sentencia Completa...<\/a><\/div><\/div><\/div><\/div>\n<div class=\"col-md-12 col-sm-12 col-xs-12 pt-cv-content-item pt-cv-1-col\" ><div class='pt-cv-ifield'><a href=\"https:\/\/www.dmsjuridica.com\/buscador_20179478954\/corteconstitucionalcronologico202454587\/t-781-08\/\" class=\"_self pt-cv-href-thumbnail pt-cv-thumb-default\" target=\"_self\" ><\/a>\n<div class=\"pt-cv-taxoterm above_title\"><a href='https:\/\/www.dmsjuridica.com\/buscador_20179478954\/corteconstitucionalcronologico202454587\/category\/buscar-en-toda-la-corte\/2008\/tutelas-2008\/' title='Tutelas 2008' class='pt-cv-tax-tutelas-2008'>Tutelas 2008<\/a><\/div>\n<h4 class=\"pt-cv-title\"><a href=\"https:\/\/www.dmsjuridica.com\/buscador_20179478954\/corteconstitucionalcronologico202454587\/t-781-08\/\" class=\"_self\" target=\"_self\" >T-781-08<\/a><\/h4>\n<div class=\"pt-cv-content\">\u00a0 \u00a0 Sentencia T-781\/08 \u00a0 LICENCIA DE MATERNIDAD-Protecci\u00f3n internacional y constitucional a mujer gestante y reci\u00e9n nacido \u00a0 ACCION DE TUTELA PARA EL PAGO DE LICENCIA DE MATERNIDAD-Procedencia excepcional \u00a0 LICENCIA DE MATERNIDAD-Presunci\u00f3n de vulneraci\u00f3n al m\u00ednimo vital \u00a0 ACCION DE TUTELA PARA EL PAGO DE LICENCIA DE MATERNIDAD-Requisitos de procedencia \u00a0 LICENCIA DE MATERNIDAD-Pago por allanamiento a la mora por EPS \u00a0 LICENCIA DE MATERNIDAD Y FOSYGA-Funciones y obligaciones \u00a0 Referencia: expedientes T-1\u00b4894.993,\u00a0 \u00a0 T-1\u00b4898.300, T-1\u00b4901.616 y T-1\u00b4906.225. \u00a0 Accionantes: Luz N\u00e9lida Rojas Chamorro, Leydy Jazm\u00edn L\u00f3pez L\u00f3pez, Roc\u00edo Mu\u00f1oz \u00a0y Sandra Yolena Qui\u00f1\u00f3nez Marquinez.\u00a0 \u00a0 Magistrado Ponente: \u00a0 ...<br \/><div class=\"pt-cv-rmwrap\"><a href=\"https:\/\/www.dmsjuridica.com\/buscador_20179478954\/corteconstitucionalcronologico202454587\/t-781-08\/\" class=\"_self pt-cv-readmore btn btn-success\" target=\"_self\">Ver Sentencia Completa...<\/a><\/div><\/div><\/div><\/div>\n<div class=\"col-md-12 col-sm-12 col-xs-12 pt-cv-content-item pt-cv-1-col\" ><div class='pt-cv-ifield'><a href=\"https:\/\/www.dmsjuridica.com\/buscador_20179478954\/corteconstitucionalcronologico202454587\/t-780-08\/\" class=\"_self pt-cv-href-thumbnail pt-cv-thumb-default\" target=\"_self\" ><\/a>\n<div class=\"pt-cv-taxoterm above_title\"><a href='https:\/\/www.dmsjuridica.com\/buscador_20179478954\/corteconstitucionalcronologico202454587\/category\/buscar-en-toda-la-corte\/2008\/tutelas-2008\/' title='Tutelas 2008' class='pt-cv-tax-tutelas-2008'>Tutelas 2008<\/a><\/div>\n<h4 class=\"pt-cv-title\"><a href=\"https:\/\/www.dmsjuridica.com\/buscador_20179478954\/corteconstitucionalcronologico202454587\/t-780-08\/\" class=\"_self\" target=\"_self\" >T-780-08<\/a><\/h4>\n<div class=\"pt-cv-content\">\u00a0 \u00a0 Sentencia T-780\/08 \u00a0 ACCION DE TUTELA TRANSITORIA-Condiciones para su procedencia\u00a0 \u00a0 ACCION DE TUTELA-Procedencia como mecanismo transitorio para el reintegro de trabajador en estado de debilidad manifiesta por accidente de trabajo \u00a0 COOPERATIVAS DE TRABAJO ASOCIADO Y DERECHO A LA ESTABILIDAD LABORAL REFORZADA POR RAZONES DE SALUD \u00a0 COOPERATIVAS DE TRABAJO ASOCIADO-Derecho a la estabilidad laboral reforzada \u00a0 SISTEMA DE RIESGOS PROFESIONALES-Protecci\u00f3n del derecho a la seguridad social de los trabajadores que sufren accidente de trabajo \u00a0 ESTABILIDAD LABORAL REFORZADA DE PERSONAS EN ESTADO DE DEBILIDAD MANIFIESTA POR ACCIDENTE DE TRABAJO-Protecci\u00f3n constitucional especial \u00a0 ACCIDENTE DE TRABAJO-Obligaci\u00f3n del ...<br \/><div class=\"pt-cv-rmwrap\"><a href=\"https:\/\/www.dmsjuridica.com\/buscador_20179478954\/corteconstitucionalcronologico202454587\/t-780-08\/\" class=\"_self pt-cv-readmore btn btn-success\" target=\"_self\">Ver Sentencia Completa...<\/a><\/div><\/div><\/div><\/div>\n<div class=\"col-md-12 col-sm-12 col-xs-12 pt-cv-content-item pt-cv-1-col\" ><div class='pt-cv-ifield'><a href=\"https:\/\/www.dmsjuridica.com\/buscador_20179478954\/corteconstitucionalcronologico202454587\/t-779-08\/\" class=\"_self pt-cv-href-thumbnail pt-cv-thumb-default\" target=\"_self\" ><\/a>\n<div class=\"pt-cv-taxoterm above_title\"><a href='https:\/\/www.dmsjuridica.com\/buscador_20179478954\/corteconstitucionalcronologico202454587\/category\/buscar-en-toda-la-corte\/2008\/tutelas-2008\/' title='Tutelas 2008' class='pt-cv-tax-tutelas-2008'>Tutelas 2008<\/a><\/div>\n<h4 class=\"pt-cv-title\"><a href=\"https:\/\/www.dmsjuridica.com\/buscador_20179478954\/corteconstitucionalcronologico202454587\/t-779-08\/\" class=\"_self\" target=\"_self\" >T-779-08<\/a><\/h4>\n<div class=\"pt-cv-content\">\u00a0 \u00a0 \u00a0 \u00a0 \u00a0 \u00a0 \u00a0 \u00a0 \u00a0 \u00a0 \u00a0 \u00a0 \u00a0 \u00a0 \u00a0 \u00a0 \u00a0 \u00a0 \u00a0 \u00a0 \u00a0 \u00a0 \u00a0 \u00a0 \u00a0 \u00a0 \u00a0 \u00a0 \u00a0\u00a0 \u00a0 Sentencia T-779\/08 \u00a0 ACCION DE TUTELA PARA INDEXACION DE LA PRIMERA MESADA PENSIONAL-Requisitos \u00a0 ACCION DE TUTELA-Procedencia excepcional para reconocimiento o reliquidaci\u00f3n de pensiones \u00a0 ACCION DE TUTELA-Caso en que el no agotamiento de la v\u00eda gubernativa puede considerarse una omisi\u00f3n justificada \u00a0 ACCION DE TUTELA-La efectividad del medio alternativo de defensa debe ser examinada en concreto \u00a0 Referencia: expediente T-1878879 \u00a0 Acci\u00f3n de Tutela instaurada por Jos\u00e9 Vicente Rojas ...<br \/><div class=\"pt-cv-rmwrap\"><a href=\"https:\/\/www.dmsjuridica.com\/buscador_20179478954\/corteconstitucionalcronologico202454587\/t-779-08\/\" class=\"_self pt-cv-readmore btn btn-success\" target=\"_self\">Ver Sentencia Completa...<\/a><\/div><\/div><\/div><\/div>\n<div class=\"col-md-12 col-sm-12 col-xs-12 pt-cv-content-item pt-cv-1-col\" ><div class='pt-cv-ifield'><a href=\"https:\/\/www.dmsjuridica.com\/buscador_20179478954\/corteconstitucionalcronologico202454587\/t-778-08\/\" class=\"_self pt-cv-href-thumbnail pt-cv-thumb-default\" target=\"_self\" ><\/a>\n<div class=\"pt-cv-taxoterm above_title\"><a href='https:\/\/www.dmsjuridica.com\/buscador_20179478954\/corteconstitucionalcronologico202454587\/category\/buscar-en-toda-la-corte\/2008\/tutelas-2008\/' title='Tutelas 2008' class='pt-cv-tax-tutelas-2008'>Tutelas 2008<\/a><\/div>\n<h4 class=\"pt-cv-title\"><a href=\"https:\/\/www.dmsjuridica.com\/buscador_20179478954\/corteconstitucionalcronologico202454587\/t-778-08\/\" class=\"_self\" target=\"_self\" >T-778-08<\/a><\/h4>\n<div class=\"pt-cv-content\">\u00a0 \u00a0 Sentencia T-778\/08 \u00a0 DERECHO DE PETICION-N\u00facleo esencial\/DERECHO DE PETICION-Elementos \u00a0 ACCION DE TUTELA-Procedencia para el pago de salarios a beneficiarios del secuestrado \u00a0 SECUESTRADO-Pago de salarios \u00a0 SALARIO-Pago a beneficiarios del secuestrado \u00a0 SECUESTRADO O DESAPARECIDO-Pago de salarios debe ordenarse por autoridad judicial \u00a0 ACCION DE TUTELA PARA PAGO DE SALARIOS A SECUESTRADOS O DESAPARECIDOS-Elementos que deben acreditarse \u00a0 Referencia: expediente T-1.813.631 \u00a0 Accionante: Ross Mary P\u00e9rez Silva \u00a0 Demandado: Polic\u00eda Nacional \u00a0 Magistrado Ponente: \u00a0 Dr. RODRIGO ESCOBAR GIL \u00a0 Bogot\u00e1 D.C., doce (12) de agosto de dos mil ocho (2008). \u00a0 La Sala Cuarta de Revisi\u00f3n ...<br \/><div class=\"pt-cv-rmwrap\"><a href=\"https:\/\/www.dmsjuridica.com\/buscador_20179478954\/corteconstitucionalcronologico202454587\/t-778-08\/\" class=\"_self pt-cv-readmore btn btn-success\" target=\"_self\">Ver Sentencia Completa...<\/a><\/div><\/div><\/div><\/div>\n<div class=\"col-md-12 col-sm-12 col-xs-12 pt-cv-content-item pt-cv-1-col\" ><div class='pt-cv-ifield'><a href=\"https:\/\/www.dmsjuridica.com\/buscador_20179478954\/corteconstitucionalcronologico202454587\/t-777-08\/\" class=\"_self pt-cv-href-thumbnail pt-cv-thumb-default\" target=\"_self\" ><\/a>\n<div class=\"pt-cv-taxoterm above_title\"><a href='https:\/\/www.dmsjuridica.com\/buscador_20179478954\/corteconstitucionalcronologico202454587\/category\/buscar-en-toda-la-corte\/2008\/tutelas-2008\/' title='Tutelas 2008' class='pt-cv-tax-tutelas-2008'>Tutelas 2008<\/a><\/div>\n<h4 class=\"pt-cv-title\"><a href=\"https:\/\/www.dmsjuridica.com\/buscador_20179478954\/corteconstitucionalcronologico202454587\/t-777-08\/\" class=\"_self\" target=\"_self\" >T-777-08<\/a><\/h4>\n<div class=\"pt-cv-content\">\u00a0 \u00a0 Sentencia T-777\/08 \u00a0 ACCION DE TUTELA CONTRA PROVIDENCIAS JUDICIALES-Reiteraci\u00f3n de jurisprudencia sobre requisitos generales y especiales de procedibilidad \u00a0 ACCION DE TUTELA CONTRA PROVIDENCIAS JUDICIALES-Procedencia excepcional\/VIA DE HECHO-Procedencia excepcional de tutela \u00a0 ACCION DE TUTELA CONTRA PROVIDENCIAS JUDICIALES-Defecto sustantivo \u00a0 PRINCIPIO DE AUTONOMIA FUNCIONAL DEL JUEZ-Sometimiento al imperio de la ley \u00a0 JURISPRUDENCIA CONSTITUCIONAL-Car\u00e1cter vinculante \u00a0 FUNCION UNIFICADORA DEL TRIBUNAL-En casos que carecen de casaci\u00f3n \u00a0 CORTE CONSTITUCIONAL-Unificaci\u00f3n en la interpretaci\u00f3n legal cuando \u00e9sta implique aspecto de derechos fundamentales \u00a0 PRECEDENTE JUDICIAL HORIZONTAL O VERTICAL-Elementos b\u00e1sicos \u00a0 PRINCIPIO DE AUTONOMIA FUNCIONAL DEL JUEZ-Importancia de la aplicaci\u00f3n del precedente ...<br \/><div class=\"pt-cv-rmwrap\"><a href=\"https:\/\/www.dmsjuridica.com\/buscador_20179478954\/corteconstitucionalcronologico202454587\/t-777-08\/\" class=\"_self pt-cv-readmore btn btn-success\" target=\"_self\">Ver Sentencia Completa...<\/a><\/div><\/div><\/div><\/div>\n<div class=\"col-md-12 col-sm-12 col-xs-12 pt-cv-content-item pt-cv-1-col\" ><div class='pt-cv-ifield'><a href=\"https:\/\/www.dmsjuridica.com\/buscador_20179478954\/corteconstitucionalcronologico202454587\/t-776-08\/\" class=\"_self pt-cv-href-thumbnail pt-cv-thumb-default\" target=\"_self\" ><\/a>\n<div class=\"pt-cv-taxoterm above_title\"><a href='https:\/\/www.dmsjuridica.com\/buscador_20179478954\/corteconstitucionalcronologico202454587\/category\/buscar-en-toda-la-corte\/2008\/tutelas-2008\/' title='Tutelas 2008' class='pt-cv-tax-tutelas-2008'>Tutelas 2008<\/a><\/div>\n<h4 class=\"pt-cv-title\"><a href=\"https:\/\/www.dmsjuridica.com\/buscador_20179478954\/corteconstitucionalcronologico202454587\/t-776-08\/\" class=\"_self\" target=\"_self\" >T-776-08<\/a><\/h4>\n<div class=\"pt-cv-content\">DERECHO A LA PENSION DE SOBREVIVIENTES-Naturaleza jur\u00eddica \u00a0 REVOCATORIA DIRECTA DE ACTO ADMINISTRATIVO DE RECONOCIMIENTO DE PENSION-Situaciones que pueden presentarse \u00a0 ACCION DE TUTELA EN MATERIA DE PENSION DE SOBREVIVIENTES-Improcedencia por cuanto se est\u00e1 en presencia de un proceso penal en el cual el sindicado de Foncolpuertos acept\u00f3 los cargos formulados por la Fiscal\u00eda \u00a0 Referencia: expediente \u00a0T-1827232 \u00a0 Acci\u00f3n de tutela instaurada por Mar\u00eda Isabel Cantillo y otros contra Ministerio de Protecci\u00f3n Social y Fiscal\u00eda General de la Naci\u00f3n. \u00a0 Magistrado Ponente:\u00a0 \u00a0 Dr. HUMBERTO ANTONIO SIERRA PORTO \u00a0 Bogot\u00e1, D.C., once (11) de agosto de dos mil ocho ...<br \/><div class=\"pt-cv-rmwrap\"><a href=\"https:\/\/www.dmsjuridica.com\/buscador_20179478954\/corteconstitucionalcronologico202454587\/t-776-08\/\" class=\"_self pt-cv-readmore btn btn-success\" target=\"_self\">Ver Sentencia Completa...<\/a><\/div><\/div><\/div><\/div>\n<div class=\"col-md-12 col-sm-12 col-xs-12 pt-cv-content-item pt-cv-1-col\" ><div class='pt-cv-ifield'><a href=\"https:\/\/www.dmsjuridica.com\/buscador_20179478954\/corteconstitucionalcronologico202454587\/t-775-08\/\" class=\"_self pt-cv-href-thumbnail pt-cv-thumb-default\" target=\"_self\" ><\/a>\n<div class=\"pt-cv-taxoterm above_title\"><a href='https:\/\/www.dmsjuridica.com\/buscador_20179478954\/corteconstitucionalcronologico202454587\/category\/buscar-en-toda-la-corte\/2008\/tutelas-2008\/' title='Tutelas 2008' class='pt-cv-tax-tutelas-2008'>Tutelas 2008<\/a><\/div>\n<h4 class=\"pt-cv-title\"><a href=\"https:\/\/www.dmsjuridica.com\/buscador_20179478954\/corteconstitucionalcronologico202454587\/t-775-08\/\" class=\"_self\" target=\"_self\" >T-775-08<\/a><\/h4>\n<div class=\"pt-cv-content\">\u00a0 \u00a0 SENTENCIA T-775\/08 \u00a0 (Bogot\u00e1 D.C., 1\u00b0 agosto 2008) \u00a0 DERECHO A LA EDUCACION-Fundamental para todos los menores de 18 a\u00f1os\u00a0 \u00a0 DERECHO A LA EDUCACION-Dimensiones\u00a0 \u00a0 EDUCACION PREESCOLAR-Desarrollo legislativo\u00a0 \u00a0 SERVICIO DE EDUCACION PREESCOLAR A NI\u00d1OS MENORES DE 6 A\u00d1OS-Competencia para su prestaci\u00f3n y ampliaci\u00f3n progresiva \u00a0 ACCION DE TUTELA-Carencia actual de objeto por cuanto a los menores se les ha permitido el acceso al servicio de educaci\u00f3n preescolar \u00a0 Referencia: expediente T- 1.876.386 \u00a0 Accionantes: Mildred Selene Ospino V\u00e1squez y Otros Accionado: La Naci\u00f3n, Ministerio de Educaci\u00f3n, Alcald\u00eda Distrital y Secretaria de Educaci\u00f3n Distrital de Santa Marta ...<br \/><div class=\"pt-cv-rmwrap\"><a href=\"https:\/\/www.dmsjuridica.com\/buscador_20179478954\/corteconstitucionalcronologico202454587\/t-775-08\/\" class=\"_self pt-cv-readmore btn btn-success\" target=\"_self\">Ver Sentencia Completa...<\/a><\/div><\/div><\/div><\/div>\n<div class=\"col-md-12 col-sm-12 col-xs-12 pt-cv-content-item pt-cv-1-col\" ><div class='pt-cv-ifield'><a href=\"https:\/\/www.dmsjuridica.com\/buscador_20179478954\/corteconstitucionalcronologico202454587\/t-774-08\/\" class=\"_self pt-cv-href-thumbnail pt-cv-thumb-default\" target=\"_self\" ><\/a>\n<div class=\"pt-cv-taxoterm above_title\"><a href='https:\/\/www.dmsjuridica.com\/buscador_20179478954\/corteconstitucionalcronologico202454587\/category\/buscar-en-toda-la-corte\/2008\/tutelas-2008\/' title='Tutelas 2008' class='pt-cv-tax-tutelas-2008'>Tutelas 2008<\/a><\/div>\n<h4 class=\"pt-cv-title\"><a href=\"https:\/\/www.dmsjuridica.com\/buscador_20179478954\/corteconstitucionalcronologico202454587\/t-774-08\/\" class=\"_self\" target=\"_self\" >T-774-08<\/a><\/h4>\n<div class=\"pt-cv-content\">\u00a0 \u00a0 SENTENCIA T-774\/08 \u00a0 \u00a0(Agosto 1 de 2008) \u00a0 LEGITIMACION POR ACTIVA EN TUTELA-Alcance y contenido \u00a0 SERVICIO MILITAR-Obligaci\u00f3n del ciudadano \u00a0 SERVICIO MILITAR-Condiciones y beneficios \u00a0 SERVICIO MILITAR-Desacuartelamiento\/SERVICIO MILITAR-Protege la uni\u00f3n marital de hecho \u00a0 \u00a0 \u00a0 EJERCITO NACIONAL-No se prob\u00f3 que el desacuartelamiento fuera consecuencia de una causal de exenci\u00f3n alegada por el soldado \u00a0 Referencia: Expediente T-1.865.472 \u00a0 Accionante: Silvia Rosa Mosquera Cubides\u00a0 \u00a0 Accionado: Fuerzas Militares de Colombia y Batall\u00f3n \u201cJos\u00e9 Antonio Gal\u00e1n\u201d. \u00a0 Fallo objeto de revisi\u00f3n: sentencia del Juzgado Segundo Promiscuo de Familia, del nueve (09) de noviembre de 2007. Sin impugnaci\u00f3n.\u00a0 \u00a0 ...<br \/><div class=\"pt-cv-rmwrap\"><a href=\"https:\/\/www.dmsjuridica.com\/buscador_20179478954\/corteconstitucionalcronologico202454587\/t-774-08\/\" class=\"_self pt-cv-readmore btn btn-success\" target=\"_self\">Ver Sentencia Completa...<\/a><\/div><\/div><\/div><\/div>\n<div class=\"col-md-12 col-sm-12 col-xs-12 pt-cv-content-item pt-cv-1-col\" ><div class='pt-cv-ifield'><a href=\"https:\/\/www.dmsjuridica.com\/buscador_20179478954\/corteconstitucionalcronologico202454587\/t-773-08\/\" class=\"_self pt-cv-href-thumbnail pt-cv-thumb-default\" target=\"_self\" ><\/a>\n<div class=\"pt-cv-taxoterm above_title\"><a href='https:\/\/www.dmsjuridica.com\/buscador_20179478954\/corteconstitucionalcronologico202454587\/category\/buscar-en-toda-la-corte\/2008\/tutelas-2008\/' title='Tutelas 2008' class='pt-cv-tax-tutelas-2008'>Tutelas 2008<\/a><\/div>\n<h4 class=\"pt-cv-title\"><a href=\"https:\/\/www.dmsjuridica.com\/buscador_20179478954\/corteconstitucionalcronologico202454587\/t-773-08\/\" class=\"_self\" target=\"_self\" >T-773-08<\/a><\/h4>\n<div class=\"pt-cv-content\">\u00a0 \u00a0 SENTENCIA T-773\/08 \u00a0 (agosto 1\u00b0 de 2008) \u00a0 ACCION DE TUTELA-Naturaleza subsidiaria \u00a0 ACCION DE TUTELA CONTRA PROVIDENCIAS JUDICIALES-Requisitos generales y especiales de procedibilidad \u00a0 PRINCIPIO DE CONGRUENCIA DE LAS SENTENCIAS-Alcance \u00a0 VIA DE HECHO-Defecto sustantivo \u00a0 ACCION DE TUTELA CONTRA PROVIDENCIAS JUDICIALES-Improcedencia por inexistencia de defecto sustantivo por desconocimiento del precedente \u00a0 ACCION DE TUTELA CONTRA PROVIDENCIAS JUDICIALES-Improcedencia por no haberse presentado incongruencia del fallo con las pretensiones de la demanda de nulidad y restablecimiento del derecho al no haber invocado el actor la caducidad \u00a0 Referencia:\u00a0 \u00a0 \u00a0 \u00a0 \u00a0Expediente T- 1.823.680 \u00a0 Accionante:\u00a0 \u00a0 \u00a0 ...<br \/><div class=\"pt-cv-rmwrap\"><a href=\"https:\/\/www.dmsjuridica.com\/buscador_20179478954\/corteconstitucionalcronologico202454587\/t-773-08\/\" class=\"_self pt-cv-readmore btn btn-success\" target=\"_self\">Ver Sentencia Completa...<\/a><\/div><\/div><\/div><\/div>\n<div class=\"col-md-12 col-sm-12 col-xs-12 pt-cv-content-item pt-cv-1-col\" ><div class='pt-cv-ifield'><a href=\"https:\/\/www.dmsjuridica.com\/buscador_20179478954\/corteconstitucionalcronologico202454587\/t-772-08\/\" class=\"_self pt-cv-href-thumbnail pt-cv-thumb-default\" target=\"_self\" ><\/a>\n<div class=\"pt-cv-taxoterm above_title\"><a href='https:\/\/www.dmsjuridica.com\/buscador_20179478954\/corteconstitucionalcronologico202454587\/category\/buscar-en-toda-la-corte\/2008\/tutelas-2008\/' title='Tutelas 2008' class='pt-cv-tax-tutelas-2008'>Tutelas 2008<\/a><\/div>\n<h4 class=\"pt-cv-title\"><a href=\"https:\/\/www.dmsjuridica.com\/buscador_20179478954\/corteconstitucionalcronologico202454587\/t-772-08\/\" class=\"_self\" target=\"_self\" >T-772-08<\/a><\/h4>\n<div class=\"pt-cv-content\"> ...<br \/><div class=\"pt-cv-rmwrap\"><a href=\"https:\/\/www.dmsjuridica.com\/buscador_20179478954\/corteconstitucionalcronologico202454587\/t-772-08\/\" class=\"_self pt-cv-readmore btn btn-success\" target=\"_self\">Ver Sentencia Completa...<\/a><\/div><\/div><\/div><\/div>\n<div class=\"col-md-12 col-sm-12 col-xs-12 pt-cv-content-item pt-cv-1-col\" ><div class='pt-cv-ifield'><a href=\"https:\/\/www.dmsjuridica.com\/buscador_20179478954\/corteconstitucionalcronologico202454587\/t-770-08\/\" class=\"_self pt-cv-href-thumbnail pt-cv-thumb-default\" target=\"_self\" ><\/a>\n<div class=\"pt-cv-taxoterm above_title\"><a href='https:\/\/www.dmsjuridica.com\/buscador_20179478954\/corteconstitucionalcronologico202454587\/category\/buscar-en-toda-la-corte\/2008\/tutelas-2008\/' title='Tutelas 2008' class='pt-cv-tax-tutelas-2008'>Tutelas 2008<\/a><\/div>\n<h4 class=\"pt-cv-title\"><a href=\"https:\/\/www.dmsjuridica.com\/buscador_20179478954\/corteconstitucionalcronologico202454587\/t-770-08\/\" class=\"_self\" target=\"_self\" >T-770-08<\/a><\/h4>\n<div class=\"pt-cv-content\">\u00a0 \u00a0 Sentencia T-770\/08 \u00a0 FUERZAS MILITARES Y POLICIA NACIONAL-Marco normativo del sistema de seguridad social \u00a0 INAPLICACION DE NORMAS DEL PLAN OBLIGATORIO DE SALUD-Subreglas sobre los requisitos para acceder a tratamientos y medicamentos excluidos del POS \u00a0 DERECHO A LA SALUD-Los procedimientos quir\u00fargicos incluyen los insumos e instrumentos que se requieran\u00a0 \u00a0 ACCION DE TUTELA-Orden a la Direcci\u00f3n de Sanidad del Ej\u00e9rcito Nacional de suministrar jeringas para la aplicaci\u00f3n de insulina para el control de la diabetes mellitas \u00a0 ACCION DE TUTELA-Orden a la Direcci\u00f3n de Sanidad del Ej\u00e9rcito Nacional de suministrar las tirillas para gluc\u00f3metro que ser\u00e1n pagadas ...<br \/><div class=\"pt-cv-rmwrap\"><a href=\"https:\/\/www.dmsjuridica.com\/buscador_20179478954\/corteconstitucionalcronologico202454587\/t-770-08\/\" class=\"_self pt-cv-readmore btn btn-success\" target=\"_self\">Ver Sentencia Completa...<\/a><\/div><\/div><\/div><\/div>\n<div class=\"col-md-12 col-sm-12 col-xs-12 pt-cv-content-item pt-cv-1-col\" ><div class='pt-cv-ifield'><a href=\"https:\/\/www.dmsjuridica.com\/buscador_20179478954\/corteconstitucionalcronologico202454587\/t-769-08\/\" class=\"_self pt-cv-href-thumbnail pt-cv-thumb-default\" target=\"_self\" ><\/a>\n<div class=\"pt-cv-taxoterm above_title\"><a href='https:\/\/www.dmsjuridica.com\/buscador_20179478954\/corteconstitucionalcronologico202454587\/category\/buscar-en-toda-la-corte\/2008\/tutelas-2008\/' title='Tutelas 2008' class='pt-cv-tax-tutelas-2008'>Tutelas 2008<\/a><\/div>\n<h4 class=\"pt-cv-title\"><a href=\"https:\/\/www.dmsjuridica.com\/buscador_20179478954\/corteconstitucionalcronologico202454587\/t-769-08\/\" class=\"_self\" target=\"_self\" >T-769-08<\/a><\/h4>\n<div class=\"pt-cv-content\"> ...<br \/><div class=\"pt-cv-rmwrap\"><a href=\"https:\/\/www.dmsjuridica.com\/buscador_20179478954\/corteconstitucionalcronologico202454587\/t-769-08\/\" class=\"_self pt-cv-readmore btn btn-success\" target=\"_self\">Ver Sentencia Completa...<\/a><\/div><\/div><\/div><\/div>\n<div class=\"col-md-12 col-sm-12 col-xs-12 pt-cv-content-item pt-cv-1-col\" ><div class='pt-cv-ifield'><a href=\"https:\/\/www.dmsjuridica.com\/buscador_20179478954\/corteconstitucionalcronologico202454587\/t-768-08\/\" class=\"_self pt-cv-href-thumbnail pt-cv-thumb-default\" target=\"_self\" ><\/a>\n<div class=\"pt-cv-taxoterm above_title\"><a href='https:\/\/www.dmsjuridica.com\/buscador_20179478954\/corteconstitucionalcronologico202454587\/category\/buscar-en-toda-la-corte\/2008\/tutelas-2008\/' title='Tutelas 2008' class='pt-cv-tax-tutelas-2008'>Tutelas 2008<\/a><\/div>\n<h4 class=\"pt-cv-title\"><a href=\"https:\/\/www.dmsjuridica.com\/buscador_20179478954\/corteconstitucionalcronologico202454587\/t-768-08\/\" class=\"_self\" target=\"_self\" >T-768-08<\/a><\/h4>\n<div class=\"pt-cv-content\"> ...<br \/><div class=\"pt-cv-rmwrap\"><a href=\"https:\/\/www.dmsjuridica.com\/buscador_20179478954\/corteconstitucionalcronologico202454587\/t-768-08\/\" class=\"_self pt-cv-readmore btn btn-success\" target=\"_self\">Ver Sentencia Completa...<\/a><\/div><\/div><\/div><\/div>\n<div class=\"col-md-12 col-sm-12 col-xs-12 pt-cv-content-item pt-cv-1-col\" ><div class='pt-cv-ifield'><a href=\"https:\/\/www.dmsjuridica.com\/buscador_20179478954\/corteconstitucionalcronologico202454587\/t-767-08\/\" class=\"_self pt-cv-href-thumbnail pt-cv-thumb-default\" target=\"_self\" ><\/a>\n<div class=\"pt-cv-taxoterm above_title\"><a href='https:\/\/www.dmsjuridica.com\/buscador_20179478954\/corteconstitucionalcronologico202454587\/category\/buscar-en-toda-la-corte\/2008\/tutelas-2008\/' title='Tutelas 2008' class='pt-cv-tax-tutelas-2008'>Tutelas 2008<\/a><\/div>\n<h4 class=\"pt-cv-title\"><a href=\"https:\/\/www.dmsjuridica.com\/buscador_20179478954\/corteconstitucionalcronologico202454587\/t-767-08\/\" class=\"_self\" target=\"_self\" >T-767-08<\/a><\/h4>\n<div class=\"pt-cv-content\">\u00a0 \u00a0 Sentencia T-767\/08 \u00a0 DERECHO A LA SALUD-Doble contenido \u00a0 SISTEMA DE SEGURIDAD SOCIAL INTEGRAL-Objetivo general \u00a0 ACCION DE TUTELA-Asignaci\u00f3n de ARS a persona inscrita en el Sisb\u00e9n \u00a0 Referencia: expediente T-1\u2019775.398 \u00a0 Accionado: Sisb\u00e9n y otro \u00a0 Procedencia: Juzgado Tercero Civil del Circuito de Ibagu\u00e9 \u00a0 Magistrado Ponente:\u00a0 \u00a0 Dr. MARCO GERARDO MONROY CABRA \u00a0 Bogot\u00e1 D.C., treinta y uno (31) de julio de dos mil ocho (2008). \u00a0 La Sala Sexta de la Corte Constitucional, integrada por los Magistrados doctores, Humberto Antonio Sierra Porto, Nilson Pinilla Pinilla y Marco Gerardo Monroy Cabra, quien la preside, en ejercicio ...<br \/><div class=\"pt-cv-rmwrap\"><a href=\"https:\/\/www.dmsjuridica.com\/buscador_20179478954\/corteconstitucionalcronologico202454587\/t-767-08\/\" class=\"_self pt-cv-readmore btn btn-success\" target=\"_self\">Ver Sentencia Completa...<\/a><\/div><\/div><\/div><\/div>\n<div class=\"col-md-12 col-sm-12 col-xs-12 pt-cv-content-item pt-cv-1-col\" ><div class='pt-cv-ifield'><a href=\"https:\/\/www.dmsjuridica.com\/buscador_20179478954\/corteconstitucionalcronologico202454587\/t-766-08\/\" class=\"_self pt-cv-href-thumbnail pt-cv-thumb-default\" target=\"_self\" ><\/a>\n<div class=\"pt-cv-taxoterm above_title\"><a href='https:\/\/www.dmsjuridica.com\/buscador_20179478954\/corteconstitucionalcronologico202454587\/category\/buscar-en-toda-la-corte\/2008\/tutelas-2008\/' title='Tutelas 2008' class='pt-cv-tax-tutelas-2008'>Tutelas 2008<\/a><\/div>\n<h4 class=\"pt-cv-title\"><a href=\"https:\/\/www.dmsjuridica.com\/buscador_20179478954\/corteconstitucionalcronologico202454587\/t-766-08\/\" class=\"_self\" target=\"_self\" >T-766-08<\/a><\/h4>\n<div class=\"pt-cv-content\"> ...<br \/><div class=\"pt-cv-rmwrap\"><a href=\"https:\/\/www.dmsjuridica.com\/buscador_20179478954\/corteconstitucionalcronologico202454587\/t-766-08\/\" class=\"_self pt-cv-readmore btn btn-success\" target=\"_self\">Ver Sentencia Completa...<\/a><\/div><\/div><\/div><\/div>\n<div class=\"col-md-12 col-sm-12 col-xs-12 pt-cv-content-item pt-cv-1-col\" ><div class='pt-cv-ifield'><a href=\"https:\/\/www.dmsjuridica.com\/buscador_20179478954\/corteconstitucionalcronologico202454587\/t-765-08\/\" class=\"_self pt-cv-href-thumbnail pt-cv-thumb-default\" target=\"_self\" ><\/a>\n<div class=\"pt-cv-taxoterm above_title\"><a href='https:\/\/www.dmsjuridica.com\/buscador_20179478954\/corteconstitucionalcronologico202454587\/category\/buscar-en-toda-la-corte\/2008\/tutelas-2008\/' title='Tutelas 2008' class='pt-cv-tax-tutelas-2008'>Tutelas 2008<\/a><\/div>\n<h4 class=\"pt-cv-title\"><a href=\"https:\/\/www.dmsjuridica.com\/buscador_20179478954\/corteconstitucionalcronologico202454587\/t-765-08\/\" class=\"_self\" target=\"_self\" >T-765-08<\/a><\/h4>\n<div class=\"pt-cv-content\">\u00a0 \u00a0 Sentencia T-765\/08 \u00a0 CONTRATO DE MEDICINA PREPAGADA-Presupuestos en que se fundamenta \u00a0 CONTRATO DE MEDICINA PREPAGADA-Se rige por normas de derecho privado \u00a0 CONTRATO DE MEDICINA PREPAGADA-Procedencia excepcional de tutela \u00a0 CONTRATO DE MEDICINA PREPAGADA-Exclusi\u00f3n de preexistencias previa, expresa y taxativamente \u00a0 PRINCIPIO DE CONTINUIDAD EN EL SERVICIO PUBLICO DE SALUD-Prestaci\u00f3n sin interrupci\u00f3n \u00a0 EMPRESA DE MEDICINA PREPAGADA-Exclusi\u00f3n de preexistencias previa, expresa y taxativamente \u00a0 DERECHO A LA CONTINUIDAD EN PLANES DE MEDICINA PREPAGADA Y ACCION DE TUTELA-Criterios para la procedencia de \u00e9sta\u00a0 \u00a0 EMPRESA DE MEDICINA PREPAGADA-No puede alegar preexistencias que no han sido expresa y espec\u00edficamente ...<br \/><div class=\"pt-cv-rmwrap\"><a href=\"https:\/\/www.dmsjuridica.com\/buscador_20179478954\/corteconstitucionalcronologico202454587\/t-765-08\/\" class=\"_self pt-cv-readmore btn btn-success\" target=\"_self\">Ver Sentencia Completa...<\/a><\/div><\/div><\/div><\/div>\n<div class=\"col-md-12 col-sm-12 col-xs-12 pt-cv-content-item pt-cv-1-col\" ><div class='pt-cv-ifield'><a href=\"https:\/\/www.dmsjuridica.com\/buscador_20179478954\/corteconstitucionalcronologico202454587\/t-764-08\/\" class=\"_self pt-cv-href-thumbnail pt-cv-thumb-default\" target=\"_self\" ><\/a>\n<div class=\"pt-cv-taxoterm above_title\"><a href='https:\/\/www.dmsjuridica.com\/buscador_20179478954\/corteconstitucionalcronologico202454587\/category\/buscar-en-toda-la-corte\/2008\/tutelas-2008\/' title='Tutelas 2008' class='pt-cv-tax-tutelas-2008'>Tutelas 2008<\/a><\/div>\n<h4 class=\"pt-cv-title\"><a href=\"https:\/\/www.dmsjuridica.com\/buscador_20179478954\/corteconstitucionalcronologico202454587\/t-764-08\/\" class=\"_self\" target=\"_self\" >T-764-08<\/a><\/h4>\n<div class=\"pt-cv-content\">\u00a0 \u00a0 Sentencia T-764\/08 \u00a0 ACCION DE TUTELA-Improcedencia cuando existen otras v\u00edas judiciales \u00a0 ACCION DE TUTELA-Mecanismo residual y subsidiario\u00a0 \u00a0 En t\u00e9rminos del art\u00edculo 86 constitucional, la acci\u00f3n de tutela es un \u00a0mecanismo de defensa judicial que permite la protecci\u00f3n inmediata de los derechos fundamentales de una persona, cuando la acci\u00f3n u omisi\u00f3n de cualquier autoridad p\u00fablica o incluso de los particulares, \u00a0vulnera o amenaza tales derechos constitucionales. Este mecanismo privilegiado de protecci\u00f3n, es, sin embargo, residual y subsidiario. \u00a0En armon\u00eda con el art\u00edculo 6to. del Decreto 2591 de 1991, s\u00f3lo procede la acci\u00f3n de tutela cuando (1) el ...<br \/><div class=\"pt-cv-rmwrap\"><a href=\"https:\/\/www.dmsjuridica.com\/buscador_20179478954\/corteconstitucionalcronologico202454587\/t-764-08\/\" class=\"_self pt-cv-readmore btn btn-success\" target=\"_self\">Ver Sentencia Completa...<\/a><\/div><\/div><\/div><\/div>\n<div class=\"col-md-12 col-sm-12 col-xs-12 pt-cv-content-item pt-cv-1-col\" ><div class='pt-cv-ifield'><a href=\"https:\/\/www.dmsjuridica.com\/buscador_20179478954\/corteconstitucionalcronologico202454587\/t-763-08\/\" class=\"_self pt-cv-href-thumbnail pt-cv-thumb-default\" target=\"_self\" ><\/a>\n<div class=\"pt-cv-taxoterm above_title\"><a href='https:\/\/www.dmsjuridica.com\/buscador_20179478954\/corteconstitucionalcronologico202454587\/category\/buscar-en-toda-la-corte\/2008\/tutelas-2008\/' title='Tutelas 2008' class='pt-cv-tax-tutelas-2008'>Tutelas 2008<\/a><\/div>\n<h4 class=\"pt-cv-title\"><a href=\"https:\/\/www.dmsjuridica.com\/buscador_20179478954\/corteconstitucionalcronologico202454587\/t-763-08\/\" class=\"_self\" target=\"_self\" >T-763-08<\/a><\/h4>\n<div class=\"pt-cv-content\"> ...<br \/><div class=\"pt-cv-rmwrap\"><a href=\"https:\/\/www.dmsjuridica.com\/buscador_20179478954\/corteconstitucionalcronologico202454587\/t-763-08\/\" class=\"_self pt-cv-readmore btn btn-success\" target=\"_self\">Ver Sentencia Completa...<\/a><\/div><\/div><\/div><\/div>\n<div class=\"col-md-12 col-sm-12 col-xs-12 pt-cv-content-item pt-cv-1-col\" ><div class='pt-cv-ifield'><a href=\"https:\/\/www.dmsjuridica.com\/buscador_20179478954\/corteconstitucionalcronologico202454587\/t-762-08\/\" class=\"_self pt-cv-href-thumbnail pt-cv-thumb-default\" target=\"_self\" ><\/a>\n<div class=\"pt-cv-taxoterm above_title\"><a href='https:\/\/www.dmsjuridica.com\/buscador_20179478954\/corteconstitucionalcronologico202454587\/category\/buscar-en-toda-la-corte\/2008\/tutelas-2008\/' title='Tutelas 2008' class='pt-cv-tax-tutelas-2008'>Tutelas 2008<\/a><\/div>\n<h4 class=\"pt-cv-title\"><a href=\"https:\/\/www.dmsjuridica.com\/buscador_20179478954\/corteconstitucionalcronologico202454587\/t-762-08\/\" class=\"_self\" target=\"_self\" >T-762-08<\/a><\/h4>\n<div class=\"pt-cv-content\">\u00a0 \u00a0 Sentencia T-762\/08 \u00a0 ACCION DE TUTELA-Regla que la excluye como mecanismo id\u00f3neo en la declaraci\u00f3n de los derechos prestacionales, no es absoluta \u00a0 DERECHOS PRESTACIONALES-Regla que excluye la acci\u00f3n de tutela como mecanismo id\u00f3neo para su declaraci\u00f3n no es absoluta \u00a0 ACCION DE TUTELA-De manera excepcional es posible que el \u00a0juez de tutela intervenga en \u00a0el reconocimiento de derechos prestacionales cuando la tutela se ejerce como mecanismo transitorio \u00a0 ACCION DE TUTELA-Cuando se ejerce como mecanismo transitorio es necesario demostrar la existencia de un perjuicio irremediable o que el medio judicial ordinario es ineficaz o no es lo ...<br \/><div class=\"pt-cv-rmwrap\"><a href=\"https:\/\/www.dmsjuridica.com\/buscador_20179478954\/corteconstitucionalcronologico202454587\/t-762-08\/\" class=\"_self pt-cv-readmore btn btn-success\" target=\"_self\">Ver Sentencia Completa...<\/a><\/div><\/div><\/div><\/div>\n<div class=\"col-md-12 col-sm-12 col-xs-12 pt-cv-content-item pt-cv-1-col\" ><div class='pt-cv-ifield'><a href=\"https:\/\/www.dmsjuridica.com\/buscador_20179478954\/corteconstitucionalcronologico202454587\/t-761-08\/\" class=\"_self pt-cv-href-thumbnail pt-cv-thumb-default\" target=\"_self\" ><\/a>\n<div class=\"pt-cv-taxoterm above_title\"><a href='https:\/\/www.dmsjuridica.com\/buscador_20179478954\/corteconstitucionalcronologico202454587\/category\/buscar-en-toda-la-corte\/2008\/tutelas-2008\/' title='Tutelas 2008' class='pt-cv-tax-tutelas-2008'>Tutelas 2008<\/a><\/div>\n<h4 class=\"pt-cv-title\"><a href=\"https:\/\/www.dmsjuridica.com\/buscador_20179478954\/corteconstitucionalcronologico202454587\/t-761-08\/\" class=\"_self\" target=\"_self\" >T-761-08<\/a><\/h4>\n<div class=\"pt-cv-content\">\u00a0 \u00a0 Sentencia T-761\/08 \u00a0 DERECHO A LA SALUD DEL MENOR-Fundamental \u00a0 PRINCIPIO DE CONTINUIDAD EN EL SERVICIO PUBLICO DE SALUD-Prestaci\u00f3n sin interrupci\u00f3n \u00a0 ENTIDAD PROMOTORA DE SALUD-Terminaci\u00f3n de la relaci\u00f3n laboral no constituye raz\u00f3n para interrumpir tratamiento m\u00e9dico o negar la realizaci\u00f3n de una cirug\u00eda \u00a0 DERECHO A LA SALUD DEL NI\u00d1O-Implante coclear por parte de la Direcci\u00f3n de Sanidad de la Polic\u00eda Nacional \u00a0 Referencia: expediente T- 1.890.642 \u00a0 Acci\u00f3n de tutela instaurada por: Ronald Alberto Guti\u00e9rrez Aguilar como agente oficioso de su hija, Laura Vanesa Guti\u00e9rrez Hern\u00e1ndez, en contra de la Direcci\u00f3n de Sanidad de la Polic\u00eda ...<br \/><div class=\"pt-cv-rmwrap\"><a href=\"https:\/\/www.dmsjuridica.com\/buscador_20179478954\/corteconstitucionalcronologico202454587\/t-761-08\/\" class=\"_self pt-cv-readmore btn btn-success\" target=\"_self\">Ver Sentencia Completa...<\/a><\/div><\/div><\/div><\/div>\n<div class=\"col-md-12 col-sm-12 col-xs-12 pt-cv-content-item pt-cv-1-col\" ><div class='pt-cv-ifield'><a href=\"https:\/\/www.dmsjuridica.com\/buscador_20179478954\/corteconstitucionalcronologico202454587\/t-760-08\/\" class=\"_self pt-cv-href-thumbnail pt-cv-thumb-default\" target=\"_self\" ><\/a>\n<div class=\"pt-cv-taxoterm above_title\"><a href='https:\/\/www.dmsjuridica.com\/buscador_20179478954\/corteconstitucionalcronologico202454587\/category\/buscar-en-toda-la-corte\/2008\/tutelas-2008\/' title='Tutelas 2008' class='pt-cv-tax-tutelas-2008'>Tutelas 2008<\/a><\/div>\n<h4 class=\"pt-cv-title\"><a href=\"https:\/\/www.dmsjuridica.com\/buscador_20179478954\/corteconstitucionalcronologico202454587\/t-760-08\/\" class=\"_self\" target=\"_self\" >T-760-08<\/a><\/h4>\n<div class=\"pt-cv-content\">\u00a0 \u00a0 NOTA DE RELATORIA: Mediante auto 522 de fecha 11 de noviembre del 2015, el cual se anexa en la parte final de la presente providencia, se dispone reemplazar con datos ficticios, \u00a0los nombres y datos de identificaci\u00f3n del peticionario en el expediente T-1315769 \u00a0 Sentencia T-760\/08 \u00a0 DERECHO A LA SALUD-Es un derecho fundamental \u00a0 DERECHO FUNDAMENTAL A LA SALUD-Comprende, entre otros, el derecho a acceder a servicios de salud de manera oportuna, eficaz y con calidad \u00a0 \u00a0 \u00a0 DERECHO A LA SALUD-Debe ser respetado por las entidades responsables de asegurar y prestar servicios de salud - ...<br \/><div class=\"pt-cv-rmwrap\"><a href=\"https:\/\/www.dmsjuridica.com\/buscador_20179478954\/corteconstitucionalcronologico202454587\/t-760-08\/\" class=\"_self pt-cv-readmore btn btn-success\" target=\"_self\">Ver Sentencia Completa...<\/a><\/div><\/div><\/div><\/div>\n<div class=\"col-md-12 col-sm-12 col-xs-12 pt-cv-content-item pt-cv-1-col\" ><div class='pt-cv-ifield'><a href=\"https:\/\/www.dmsjuridica.com\/buscador_20179478954\/corteconstitucionalcronologico202454587\/t-759-08\/\" class=\"_self pt-cv-href-thumbnail pt-cv-thumb-default\" target=\"_self\" ><\/a>\n<div class=\"pt-cv-taxoterm above_title\"><a href='https:\/\/www.dmsjuridica.com\/buscador_20179478954\/corteconstitucionalcronologico202454587\/category\/buscar-en-toda-la-corte\/2008\/tutelas-2008\/' title='Tutelas 2008' class='pt-cv-tax-tutelas-2008'>Tutelas 2008<\/a><\/div>\n<h4 class=\"pt-cv-title\"><a href=\"https:\/\/www.dmsjuridica.com\/buscador_20179478954\/corteconstitucionalcronologico202454587\/t-759-08\/\" class=\"_self\" target=\"_self\" >T-759-08<\/a><\/h4>\n<div class=\"pt-cv-content\"> ...<br \/><div class=\"pt-cv-rmwrap\"><a href=\"https:\/\/www.dmsjuridica.com\/buscador_20179478954\/corteconstitucionalcronologico202454587\/t-759-08\/\" class=\"_self pt-cv-readmore btn btn-success\" target=\"_self\">Ver Sentencia Completa...<\/a><\/div><\/div><\/div><\/div>\n<div class=\"col-md-12 col-sm-12 col-xs-12 pt-cv-content-item pt-cv-1-col\" ><div class='pt-cv-ifield'><a href=\"https:\/\/www.dmsjuridica.com\/buscador_20179478954\/corteconstitucionalcronologico202454587\/t-758-08\/\" class=\"_self pt-cv-href-thumbnail pt-cv-thumb-default\" target=\"_self\" ><\/a>\n<div class=\"pt-cv-taxoterm above_title\"><a href='https:\/\/www.dmsjuridica.com\/buscador_20179478954\/corteconstitucionalcronologico202454587\/category\/buscar-en-toda-la-corte\/2008\/tutelas-2008\/' title='Tutelas 2008' class='pt-cv-tax-tutelas-2008'>Tutelas 2008<\/a><\/div>\n<h4 class=\"pt-cv-title\"><a href=\"https:\/\/www.dmsjuridica.com\/buscador_20179478954\/corteconstitucionalcronologico202454587\/t-758-08\/\" class=\"_self\" target=\"_self\" >T-758-08<\/a><\/h4>\n<div class=\"pt-cv-content\"> ...<br \/><div class=\"pt-cv-rmwrap\"><a href=\"https:\/\/www.dmsjuridica.com\/buscador_20179478954\/corteconstitucionalcronologico202454587\/t-758-08\/\" class=\"_self pt-cv-readmore btn btn-success\" target=\"_self\">Ver Sentencia Completa...<\/a><\/div><\/div><\/div><\/div>\n<div class=\"col-md-12 col-sm-12 col-xs-12 pt-cv-content-item pt-cv-1-col\" ><div class='pt-cv-ifield'><a href=\"https:\/\/www.dmsjuridica.com\/buscador_20179478954\/corteconstitucionalcronologico202454587\/t-752-08\/\" class=\"_self pt-cv-href-thumbnail pt-cv-thumb-default\" target=\"_self\" ><\/a>\n<div class=\"pt-cv-taxoterm above_title\"><a href='https:\/\/www.dmsjuridica.com\/buscador_20179478954\/corteconstitucionalcronologico202454587\/category\/buscar-en-toda-la-corte\/2008\/tutelas-2008\/' title='Tutelas 2008' class='pt-cv-tax-tutelas-2008'>Tutelas 2008<\/a><\/div>\n<h4 class=\"pt-cv-title\"><a href=\"https:\/\/www.dmsjuridica.com\/buscador_20179478954\/corteconstitucionalcronologico202454587\/t-752-08\/\" class=\"_self\" target=\"_self\" >T-752-08<\/a><\/h4>\n<div class=\"pt-cv-content\"> ...<br \/><div class=\"pt-cv-rmwrap\"><a href=\"https:\/\/www.dmsjuridica.com\/buscador_20179478954\/corteconstitucionalcronologico202454587\/t-752-08\/\" class=\"_self pt-cv-readmore btn btn-success\" target=\"_self\">Ver Sentencia Completa...<\/a><\/div><\/div><\/div><\/div>\n<div class=\"col-md-12 col-sm-12 col-xs-12 pt-cv-content-item pt-cv-1-col\" ><div class='pt-cv-ifield'><a href=\"https:\/\/www.dmsjuridica.com\/buscador_20179478954\/corteconstitucionalcronologico202454587\/t-749-08\/\" class=\"_self pt-cv-href-thumbnail pt-cv-thumb-default\" target=\"_self\" ><\/a>\n<div class=\"pt-cv-taxoterm above_title\"><a href='https:\/\/www.dmsjuridica.com\/buscador_20179478954\/corteconstitucionalcronologico202454587\/category\/buscar-en-toda-la-corte\/2008\/tutelas-2008\/' title='Tutelas 2008' class='pt-cv-tax-tutelas-2008'>Tutelas 2008<\/a><\/div>\n<h4 class=\"pt-cv-title\"><a href=\"https:\/\/www.dmsjuridica.com\/buscador_20179478954\/corteconstitucionalcronologico202454587\/t-749-08\/\" class=\"_self\" target=\"_self\" >T-749-08<\/a><\/h4>\n<div class=\"pt-cv-content\"> ...<br \/><div class=\"pt-cv-rmwrap\"><a href=\"https:\/\/www.dmsjuridica.com\/buscador_20179478954\/corteconstitucionalcronologico202454587\/t-749-08\/\" class=\"_self pt-cv-readmore btn btn-success\" target=\"_self\">Ver Sentencia Completa...<\/a><\/div><\/div><\/div><\/div>\n<div class=\"col-md-12 col-sm-12 col-xs-12 pt-cv-content-item pt-cv-1-col\" ><div class='pt-cv-ifield'><a href=\"https:\/\/www.dmsjuridica.com\/buscador_20179478954\/corteconstitucionalcronologico202454587\/t-748-08\/\" class=\"_self pt-cv-href-thumbnail pt-cv-thumb-default\" target=\"_self\" ><\/a>\n<div class=\"pt-cv-taxoterm above_title\"><a href='https:\/\/www.dmsjuridica.com\/buscador_20179478954\/corteconstitucionalcronologico202454587\/category\/buscar-en-toda-la-corte\/2008\/tutelas-2008\/' title='Tutelas 2008' class='pt-cv-tax-tutelas-2008'>Tutelas 2008<\/a><\/div>\n<h4 class=\"pt-cv-title\"><a href=\"https:\/\/www.dmsjuridica.com\/buscador_20179478954\/corteconstitucionalcronologico202454587\/t-748-08\/\" class=\"_self\" target=\"_self\" >T-748-08<\/a><\/h4>\n<div class=\"pt-cv-content\"> ...<br \/><div class=\"pt-cv-rmwrap\"><a href=\"https:\/\/www.dmsjuridica.com\/buscador_20179478954\/corteconstitucionalcronologico202454587\/t-748-08\/\" class=\"_self pt-cv-readmore btn btn-success\" target=\"_self\">Ver Sentencia Completa...<\/a><\/div><\/div><\/div><\/div>\n<div class=\"col-md-12 col-sm-12 col-xs-12 pt-cv-content-item pt-cv-1-col\" ><div class='pt-cv-ifield'><a href=\"https:\/\/www.dmsjuridica.com\/buscador_20179478954\/corteconstitucionalcronologico202454587\/t-747-08\/\" class=\"_self pt-cv-href-thumbnail pt-cv-thumb-default\" target=\"_self\" ><\/a>\n<div class=\"pt-cv-taxoterm above_title\"><a href='https:\/\/www.dmsjuridica.com\/buscador_20179478954\/corteconstitucionalcronologico202454587\/category\/buscar-en-toda-la-corte\/2008\/tutelas-2008\/' title='Tutelas 2008' class='pt-cv-tax-tutelas-2008'>Tutelas 2008<\/a><\/div>\n<h4 class=\"pt-cv-title\"><a href=\"https:\/\/www.dmsjuridica.com\/buscador_20179478954\/corteconstitucionalcronologico202454587\/t-747-08\/\" class=\"_self\" target=\"_self\" >T-747-08<\/a><\/h4>\n<div class=\"pt-cv-content\"> ...<br \/><div class=\"pt-cv-rmwrap\"><a href=\"https:\/\/www.dmsjuridica.com\/buscador_20179478954\/corteconstitucionalcronologico202454587\/t-747-08\/\" class=\"_self pt-cv-readmore btn btn-success\" target=\"_self\">Ver Sentencia Completa...<\/a><\/div><\/div><\/div><\/div>\n<div class=\"col-md-12 col-sm-12 col-xs-12 pt-cv-content-item pt-cv-1-col\" ><div class='pt-cv-ifield'><a href=\"https:\/\/www.dmsjuridica.com\/buscador_20179478954\/corteconstitucionalcronologico202454587\/t-746-08\/\" class=\"_self pt-cv-href-thumbnail pt-cv-thumb-default\" target=\"_self\" ><\/a>\n<div class=\"pt-cv-taxoterm above_title\"><a href='https:\/\/www.dmsjuridica.com\/buscador_20179478954\/corteconstitucionalcronologico202454587\/category\/buscar-en-toda-la-corte\/2008\/tutelas-2008\/' title='Tutelas 2008' class='pt-cv-tax-tutelas-2008'>Tutelas 2008<\/a><\/div>\n<h4 class=\"pt-cv-title\"><a href=\"https:\/\/www.dmsjuridica.com\/buscador_20179478954\/corteconstitucionalcronologico202454587\/t-746-08\/\" class=\"_self\" target=\"_self\" >T-746-08<\/a><\/h4>\n<div class=\"pt-cv-content\"> ...<br \/><div class=\"pt-cv-rmwrap\"><a href=\"https:\/\/www.dmsjuridica.com\/buscador_20179478954\/corteconstitucionalcronologico202454587\/t-746-08\/\" class=\"_self pt-cv-readmore btn btn-success\" target=\"_self\">Ver Sentencia Completa...<\/a><\/div><\/div><\/div><\/div>\n<div class=\"col-md-12 col-sm-12 col-xs-12 pt-cv-content-item pt-cv-1-col\" ><div class='pt-cv-ifield'><a href=\"https:\/\/www.dmsjuridica.com\/buscador_20179478954\/corteconstitucionalcronologico202454587\/t-745-08\/\" class=\"_self pt-cv-href-thumbnail pt-cv-thumb-default\" target=\"_self\" ><\/a>\n<div class=\"pt-cv-taxoterm above_title\"><a href='https:\/\/www.dmsjuridica.com\/buscador_20179478954\/corteconstitucionalcronologico202454587\/category\/buscar-en-toda-la-corte\/2008\/tutelas-2008\/' title='Tutelas 2008' class='pt-cv-tax-tutelas-2008'>Tutelas 2008<\/a><\/div>\n<h4 class=\"pt-cv-title\"><a href=\"https:\/\/www.dmsjuridica.com\/buscador_20179478954\/corteconstitucionalcronologico202454587\/t-745-08\/\" class=\"_self\" target=\"_self\" >T-745-08<\/a><\/h4>\n<div class=\"pt-cv-content\"> ...<br \/><div class=\"pt-cv-rmwrap\"><a href=\"https:\/\/www.dmsjuridica.com\/buscador_20179478954\/corteconstitucionalcronologico202454587\/t-745-08\/\" class=\"_self pt-cv-readmore btn btn-success\" target=\"_self\">Ver Sentencia Completa...<\/a><\/div><\/div><\/div><\/div>\n<div class=\"col-md-12 col-sm-12 col-xs-12 pt-cv-content-item pt-cv-1-col\" ><div class='pt-cv-ifield'><a href=\"https:\/\/www.dmsjuridica.com\/buscador_20179478954\/corteconstitucionalcronologico202454587\/t-744-08\/\" class=\"_self pt-cv-href-thumbnail pt-cv-thumb-default\" target=\"_self\" ><\/a>\n<div class=\"pt-cv-taxoterm above_title\"><a href='https:\/\/www.dmsjuridica.com\/buscador_20179478954\/corteconstitucionalcronologico202454587\/category\/buscar-en-toda-la-corte\/2008\/tutelas-2008\/' title='Tutelas 2008' class='pt-cv-tax-tutelas-2008'>Tutelas 2008<\/a><\/div>\n<h4 class=\"pt-cv-title\"><a href=\"https:\/\/www.dmsjuridica.com\/buscador_20179478954\/corteconstitucionalcronologico202454587\/t-744-08\/\" class=\"_self\" target=\"_self\" >T-744-08<\/a><\/h4>\n<div class=\"pt-cv-content\"> ...<br \/><div class=\"pt-cv-rmwrap\"><a href=\"https:\/\/www.dmsjuridica.com\/buscador_20179478954\/corteconstitucionalcronologico202454587\/t-744-08\/\" class=\"_self pt-cv-readmore btn btn-success\" target=\"_self\">Ver Sentencia Completa...<\/a><\/div><\/div><\/div><\/div>\n<div class=\"col-md-12 col-sm-12 col-xs-12 pt-cv-content-item pt-cv-1-col\" ><div class='pt-cv-ifield'><a href=\"https:\/\/www.dmsjuridica.com\/buscador_20179478954\/corteconstitucionalcronologico202454587\/t-743-08\/\" class=\"_self pt-cv-href-thumbnail pt-cv-thumb-default\" target=\"_self\" ><\/a>\n<div class=\"pt-cv-taxoterm above_title\"><a href='https:\/\/www.dmsjuridica.com\/buscador_20179478954\/corteconstitucionalcronologico202454587\/category\/buscar-en-toda-la-corte\/2008\/tutelas-2008\/' title='Tutelas 2008' class='pt-cv-tax-tutelas-2008'>Tutelas 2008<\/a><\/div>\n<h4 class=\"pt-cv-title\"><a href=\"https:\/\/www.dmsjuridica.com\/buscador_20179478954\/corteconstitucionalcronologico202454587\/t-743-08\/\" class=\"_self\" target=\"_self\" >T-743-08<\/a><\/h4>\n<div class=\"pt-cv-content\">\u00a0 \u00a0 Sentencia T-743\/08 \u00a0 ACCION DE TUTELA CONTRA PROVIDENCIAS JUDICIALES-Procedencia \u00a0 ACCION DE TUTELA CONTRA PROVIDENCIAS JUDICIALES-Actuaciones que aunque en apariencia est\u00e1n revestidas de formas jur\u00eddicas, en realidad implican una v\u00eda de hecho \u00a0 DOCTRINA CONSTITUCIONAL-La Corte Constitucional es quien interpreta con autoridad sus propias sentencias\u00a0 \u00a0 ACCION DE TUTELA CONTRA PROVIDENCIAS JUDICIALES-La Corte Constitucional es quien interpreta con autoridad las sentencias de la propia Corte Constitucional \u00a0 ACCION DE TUTELA CONTRA PROVIDENCIAS JUDICIALES-Vicios o defectos protuberantes que configuran una v\u00eda de hecho \u00a0 ACCION DE TUTELA CONTRA PROVIDENCIAS JUDICIALES-Defecto sustantivo \u00a0 ACCION DE TUTELA CONTRA PROVIDENCIAS JUDICIALES-Defecto f\u00e1ctico ...<br \/><div class=\"pt-cv-rmwrap\"><a href=\"https:\/\/www.dmsjuridica.com\/buscador_20179478954\/corteconstitucionalcronologico202454587\/t-743-08\/\" class=\"_self pt-cv-readmore btn btn-success\" target=\"_self\">Ver Sentencia Completa...<\/a><\/div><\/div><\/div><\/div>\n<div class=\"col-md-12 col-sm-12 col-xs-12 pt-cv-content-item pt-cv-1-col\" ><div class='pt-cv-ifield'><a href=\"https:\/\/www.dmsjuridica.com\/buscador_20179478954\/corteconstitucionalcronologico202454587\/t-742-08\/\" class=\"_self pt-cv-href-thumbnail pt-cv-thumb-default\" target=\"_self\" ><\/a>\n<div class=\"pt-cv-taxoterm above_title\"><a href='https:\/\/www.dmsjuridica.com\/buscador_20179478954\/corteconstitucionalcronologico202454587\/category\/buscar-en-toda-la-corte\/2008\/tutelas-2008\/' title='Tutelas 2008' class='pt-cv-tax-tutelas-2008'>Tutelas 2008<\/a><\/div>\n<h4 class=\"pt-cv-title\"><a href=\"https:\/\/www.dmsjuridica.com\/buscador_20179478954\/corteconstitucionalcronologico202454587\/t-742-08\/\" class=\"_self\" target=\"_self\" >T-742-08<\/a><\/h4>\n<div class=\"pt-cv-content\">\u00a0 \u00a0 Sentencia T-742\/08 \u00a0 DERECHO A LA SALUD-Pr\u00e1ctica de cirug\u00eda \u00a0 DERECHO A LA SALUD EN CONEXIDAD CON LA VIDA-Reiteraci\u00f3n de jurisprudencia \u00a0 ENTIDAD PROMOTORA DE SALUD-Repetici\u00f3n contra el FOSYGA \u00a0 DERECHO A LA SALUD Y A LA VIDA-Requisitos para ordenar servicios m\u00e9dicos o medicamentos excluidos del POS \u00a0 Referencia: expediente T-1913735 \u00a0 Acci\u00f3n de tutela instaurada por Rosa Riascos Dorado contra la Secretar\u00eda de Salud Departamental del Valle y la EPS Salud Total. \u00a0 Magistrado Ponente: \u00a0 Dr. MANUEL JOS\u00c9 CEPEDA ESPINOSA \u00a0 Bogot\u00e1, D.C., veinticuatro (24) de julio de dos mil ocho (2008). \u00a0 Teniendo en cuenta ...<br \/><div class=\"pt-cv-rmwrap\"><a href=\"https:\/\/www.dmsjuridica.com\/buscador_20179478954\/corteconstitucionalcronologico202454587\/t-742-08\/\" class=\"_self pt-cv-readmore btn btn-success\" target=\"_self\">Ver Sentencia Completa...<\/a><\/div><\/div><\/div><\/div>\n<div class=\"col-md-12 col-sm-12 col-xs-12 pt-cv-content-item pt-cv-1-col\" ><div class='pt-cv-ifield'><a href=\"https:\/\/www.dmsjuridica.com\/buscador_20179478954\/corteconstitucionalcronologico202454587\/t-741-08\/\" class=\"_self pt-cv-href-thumbnail pt-cv-thumb-default\" target=\"_self\" ><\/a>\n<div class=\"pt-cv-taxoterm above_title\"><a href='https:\/\/www.dmsjuridica.com\/buscador_20179478954\/corteconstitucionalcronologico202454587\/category\/buscar-en-toda-la-corte\/2008\/tutelas-2008\/' title='Tutelas 2008' class='pt-cv-tax-tutelas-2008'>Tutelas 2008<\/a><\/div>\n<h4 class=\"pt-cv-title\"><a href=\"https:\/\/www.dmsjuridica.com\/buscador_20179478954\/corteconstitucionalcronologico202454587\/t-741-08\/\" class=\"_self\" target=\"_self\" >T-741-08<\/a><\/h4>\n<div class=\"pt-cv-content\"> ...<br \/><div class=\"pt-cv-rmwrap\"><a href=\"https:\/\/www.dmsjuridica.com\/buscador_20179478954\/corteconstitucionalcronologico202454587\/t-741-08\/\" class=\"_self pt-cv-readmore btn btn-success\" target=\"_self\">Ver Sentencia Completa...<\/a><\/div><\/div><\/div><\/div>\n<div class=\"col-md-12 col-sm-12 col-xs-12 pt-cv-content-item pt-cv-1-col\" ><div class='pt-cv-ifield'><a href=\"https:\/\/www.dmsjuridica.com\/buscador_20179478954\/corteconstitucionalcronologico202454587\/t-730-08\/\" class=\"_self pt-cv-href-thumbnail pt-cv-thumb-default\" target=\"_self\" ><\/a>\n<div class=\"pt-cv-taxoterm above_title\"><a href='https:\/\/www.dmsjuridica.com\/buscador_20179478954\/corteconstitucionalcronologico202454587\/category\/buscar-en-toda-la-corte\/2008\/tutelas-2008\/' title='Tutelas 2008' class='pt-cv-tax-tutelas-2008'>Tutelas 2008<\/a><\/div>\n<h4 class=\"pt-cv-title\"><a href=\"https:\/\/www.dmsjuridica.com\/buscador_20179478954\/corteconstitucionalcronologico202454587\/t-730-08\/\" class=\"_self\" target=\"_self\" >T-730-08<\/a><\/h4>\n<div class=\"pt-cv-content\"> ...<br \/><div class=\"pt-cv-rmwrap\"><a href=\"https:\/\/www.dmsjuridica.com\/buscador_20179478954\/corteconstitucionalcronologico202454587\/t-730-08\/\" class=\"_self pt-cv-readmore btn btn-success\" target=\"_self\">Ver Sentencia Completa...<\/a><\/div><\/div><\/div><\/div>\n<div class=\"col-md-12 col-sm-12 col-xs-12 pt-cv-content-item pt-cv-1-col\" ><div class='pt-cv-ifield'><a href=\"https:\/\/www.dmsjuridica.com\/buscador_20179478954\/corteconstitucionalcronologico202454587\/t-729-08\/\" class=\"_self pt-cv-href-thumbnail pt-cv-thumb-default\" target=\"_self\" ><\/a>\n<div class=\"pt-cv-taxoterm above_title\"><a href='https:\/\/www.dmsjuridica.com\/buscador_20179478954\/corteconstitucionalcronologico202454587\/category\/buscar-en-toda-la-corte\/2008\/tutelas-2008\/' title='Tutelas 2008' class='pt-cv-tax-tutelas-2008'>Tutelas 2008<\/a><\/div>\n<h4 class=\"pt-cv-title\"><a href=\"https:\/\/www.dmsjuridica.com\/buscador_20179478954\/corteconstitucionalcronologico202454587\/t-729-08\/\" class=\"_self\" target=\"_self\" >T-729-08<\/a><\/h4>\n<div class=\"pt-cv-content\">\u00a0 \u00a0 Sentencia T-729\/08 \u00a0 DERECHO A LA PENSION-No se puede negar con fundamento en un requisito que no ha sido establecido en la ley \u00a0 MINIMO VITAL Y PERSONA DISCAPACITADA-Vulneraci\u00f3n \u00a0 ACCION DE TUTELA-Reconocimiento de derechos pensionales\u00a0 \u00a0 La regla general sobre improcedencia de la acci\u00f3n de tutela para reconocer derechos pensionales se ha matizado en aquellos casos en los cuales los medios judiciales dise\u00f1ados resulten ineficaces para la garant\u00eda de los derechos fundamentales en riesgo. As\u00ed pues, cuando el sujeto se encuentre sometido a la eventualidad de un perjuicio irremediable, de manera excepcional el juez de tutela podr\u00e1 ...<br \/><div class=\"pt-cv-rmwrap\"><a href=\"https:\/\/www.dmsjuridica.com\/buscador_20179478954\/corteconstitucionalcronologico202454587\/t-729-08\/\" class=\"_self pt-cv-readmore btn btn-success\" target=\"_self\">Ver Sentencia Completa...<\/a><\/div><\/div><\/div><\/div>\n<div class=\"col-md-12 col-sm-12 col-xs-12 pt-cv-content-item pt-cv-1-col\" ><div class='pt-cv-ifield'><a href=\"https:\/\/www.dmsjuridica.com\/buscador_20179478954\/corteconstitucionalcronologico202454587\/t-728-08\/\" class=\"_self pt-cv-href-thumbnail pt-cv-thumb-default\" target=\"_self\" ><\/a>\n<div class=\"pt-cv-taxoterm above_title\"><a href='https:\/\/www.dmsjuridica.com\/buscador_20179478954\/corteconstitucionalcronologico202454587\/category\/buscar-en-toda-la-corte\/2008\/tutelas-2008\/' title='Tutelas 2008' class='pt-cv-tax-tutelas-2008'>Tutelas 2008<\/a><\/div>\n<h4 class=\"pt-cv-title\"><a href=\"https:\/\/www.dmsjuridica.com\/buscador_20179478954\/corteconstitucionalcronologico202454587\/t-728-08\/\" class=\"_self\" target=\"_self\" >T-728-08<\/a><\/h4>\n<div class=\"pt-cv-content\"> ...<br \/><div class=\"pt-cv-rmwrap\"><a href=\"https:\/\/www.dmsjuridica.com\/buscador_20179478954\/corteconstitucionalcronologico202454587\/t-728-08\/\" class=\"_self pt-cv-readmore btn btn-success\" target=\"_self\">Ver Sentencia Completa...<\/a><\/div><\/div><\/div><\/div>\n<div class=\"col-md-12 col-sm-12 col-xs-12 pt-cv-content-item pt-cv-1-col\" ><div class='pt-cv-ifield'><a href=\"https:\/\/www.dmsjuridica.com\/buscador_20179478954\/corteconstitucionalcronologico202454587\/t-727-08\/\" class=\"_self pt-cv-href-thumbnail pt-cv-thumb-default\" target=\"_self\" ><\/a>\n<div class=\"pt-cv-taxoterm above_title\"><a href='https:\/\/www.dmsjuridica.com\/buscador_20179478954\/corteconstitucionalcronologico202454587\/category\/buscar-en-toda-la-corte\/2008\/tutelas-2008\/' title='Tutelas 2008' class='pt-cv-tax-tutelas-2008'>Tutelas 2008<\/a><\/div>\n<h4 class=\"pt-cv-title\"><a href=\"https:\/\/www.dmsjuridica.com\/buscador_20179478954\/corteconstitucionalcronologico202454587\/t-727-08\/\" class=\"_self\" target=\"_self\" >T-727-08<\/a><\/h4>\n<div class=\"pt-cv-content\">\u00a0 \u00a0 Sentencia T-727\/08 \u00a0 ACCION DE TUTELA CONTRA PARTICULARES-Procedencia \u00a0 CONTRATO DE TRABAJO-Terminaci\u00f3n unilateral sin justa causa \u00a0 ACCION DE TUTELA CONTRA PARTICULARES-Subordinaci\u00f3n\u00a0 \u00a0 DERECHO DE ASOCIACION SINDICAL-Protecci\u00f3n \u00a0 TERMINACION UNILATERAL DE CONTRATO DE TRABAJO-Facultad de empleador no es absoluta\/TERMINACION UNILATERAL DE CONTRATO DE TRABAJO SIN JUSTA CAUSA-L\u00ednea jurisprudencial \u00a0 DERECHO DE ASOCIACION SINDICAL Y TERMINACION UNILATERAL DE CONTRATO DE TRABAJO-L\u00edmites \u00a0 JUEZ CONSTITUCIONAL-Protecci\u00f3n de derechos fundamentales\/JUEZ CONSTITUCIONAL-Obligaciones \u00a0 NORMATIVIDAD JURIDICA-Interpretaci\u00f3n para caso concreto que afecta derechos fundamentales\/NORMA LABORAL-Interpretaci\u00f3n acorde con principios y derechos fundamentales \u00a0 La Corte Constitucional ha precisado algunas de las particularidades del derecho de asociaci\u00f3n ...<br \/><div class=\"pt-cv-rmwrap\"><a href=\"https:\/\/www.dmsjuridica.com\/buscador_20179478954\/corteconstitucionalcronologico202454587\/t-727-08\/\" class=\"_self pt-cv-readmore btn btn-success\" target=\"_self\">Ver Sentencia Completa...<\/a><\/div><\/div><\/div><\/div>\n<div class=\"col-md-12 col-sm-12 col-xs-12 pt-cv-content-item pt-cv-1-col\" ><div class='pt-cv-ifield'><a href=\"https:\/\/www.dmsjuridica.com\/buscador_20179478954\/corteconstitucionalcronologico202454587\/t-725-08\/\" class=\"_self pt-cv-href-thumbnail pt-cv-thumb-default\" target=\"_self\" ><\/a>\n<div class=\"pt-cv-taxoterm above_title\"><a href='https:\/\/www.dmsjuridica.com\/buscador_20179478954\/corteconstitucionalcronologico202454587\/category\/buscar-en-toda-la-corte\/2008\/tutelas-2008\/' title='Tutelas 2008' class='pt-cv-tax-tutelas-2008'>Tutelas 2008<\/a><\/div>\n<h4 class=\"pt-cv-title\"><a href=\"https:\/\/www.dmsjuridica.com\/buscador_20179478954\/corteconstitucionalcronologico202454587\/t-725-08\/\" class=\"_self\" target=\"_self\" >T-725-08<\/a><\/h4>\n<div class=\"pt-cv-content\">POBLACION DESPLAZADA-Derecho a la vivienda digna \u00a0 \u00a0 \u00a0 DERECHO A LA VIVIENDA DIGNA-Es un derecho fundamental cuando se trata de personas desplazadas por la violencia \u00a0 DERECHO A LA VIVIENDA DIGNA-Procedencia de la acci\u00f3n de tutela para proteger derecho a vivienda digna de personas desplazadas\u00a0 \u00a0 DESPLAZAMIENTO FORZADO-Derecho a una vivienda digna es un derecho fundamental cuando se trata de personas desplazadas por la violencia \u00a0 ACCION DE TUTELA-Procedencia para proteger derecho a vivienda digna de personas desplazadas\u00a0 \u00a0 El enfoque de an\u00e1lisis del caso adquiere otra dimensi\u00f3n en cuanto el predio est\u00e1 ocupado por personas desplazadas por la ...<br \/><div class=\"pt-cv-rmwrap\"><a href=\"https:\/\/www.dmsjuridica.com\/buscador_20179478954\/corteconstitucionalcronologico202454587\/t-725-08\/\" class=\"_self pt-cv-readmore btn btn-success\" target=\"_self\">Ver Sentencia Completa...<\/a><\/div><\/div><\/div><\/div>\n<div class=\"col-md-12 col-sm-12 col-xs-12 pt-cv-content-item pt-cv-1-col\" ><div class='pt-cv-ifield'><a href=\"https:\/\/www.dmsjuridica.com\/buscador_20179478954\/corteconstitucionalcronologico202454587\/t-724-08\/\" class=\"_self pt-cv-href-thumbnail pt-cv-thumb-default\" target=\"_self\" ><\/a>\n<div class=\"pt-cv-taxoterm above_title\"><a href='https:\/\/www.dmsjuridica.com\/buscador_20179478954\/corteconstitucionalcronologico202454587\/category\/buscar-en-toda-la-corte\/2008\/tutelas-2008\/' title='Tutelas 2008' class='pt-cv-tax-tutelas-2008'>Tutelas 2008<\/a><\/div>\n<h4 class=\"pt-cv-title\"><a href=\"https:\/\/www.dmsjuridica.com\/buscador_20179478954\/corteconstitucionalcronologico202454587\/t-724-08\/\" class=\"_self\" target=\"_self\" >T-724-08<\/a><\/h4>\n<div class=\"pt-cv-content\">\u00a0 \u00a0 SENTENCIA T-724\/08 \u00a0 (Julio 22 de 2008) \u00a0 \u00a0 \u00a0 \u00a0 \u00a0 \u00a0 \u00a0 \u00a0 \u00a0 \u00a0 \u00a0 \u00a0 \u00a0 \u00a0 DERECHO A LA SALUD EN CONEXIDAD CON EL DERECHO A LA VIDA EN CONDICIONES DIGNAS-Reiteraci\u00f3n de jurisprudencia \u00a0 DERECHO A LA DIGNIDAD HUMANA Y A LA SALUD-Fundamental por conexidad \u00a0 JUEZ CONSTITUCIONAL-Deber del Juez indagar, a partir de los hechos del caso en concreto, sobre las posibilidades de que se presente una relaci\u00f3n de conexidad \u00a0 PLAN OBLIGATORIO DE SALUD-Cubrimiento de cirug\u00eda incluida en el manual de actividades \u00a0 ENFERMEDADES QUE PRESENTAN RIESGOS PARA LA SALUD PUBLICA-Acuerdo ...<br \/><div class=\"pt-cv-rmwrap\"><a href=\"https:\/\/www.dmsjuridica.com\/buscador_20179478954\/corteconstitucionalcronologico202454587\/t-724-08\/\" class=\"_self pt-cv-readmore btn btn-success\" target=\"_self\">Ver Sentencia Completa...<\/a><\/div><\/div><\/div><\/div>\n<div class=\"col-md-12 col-sm-12 col-xs-12 pt-cv-content-item pt-cv-1-col\" ><div class='pt-cv-ifield'><a href=\"https:\/\/www.dmsjuridica.com\/buscador_20179478954\/corteconstitucionalcronologico202454587\/t-723-08\/\" class=\"_self pt-cv-href-thumbnail pt-cv-thumb-default\" target=\"_self\" ><\/a>\n<div class=\"pt-cv-taxoterm above_title\"><a href='https:\/\/www.dmsjuridica.com\/buscador_20179478954\/corteconstitucionalcronologico202454587\/category\/buscar-en-toda-la-corte\/2008\/tutelas-2008\/' title='Tutelas 2008' class='pt-cv-tax-tutelas-2008'>Tutelas 2008<\/a><\/div>\n<h4 class=\"pt-cv-title\"><a href=\"https:\/\/www.dmsjuridica.com\/buscador_20179478954\/corteconstitucionalcronologico202454587\/t-723-08\/\" class=\"_self\" target=\"_self\" >T-723-08<\/a><\/h4>\n<div class=\"pt-cv-content\"> ...<br \/><div class=\"pt-cv-rmwrap\"><a href=\"https:\/\/www.dmsjuridica.com\/buscador_20179478954\/corteconstitucionalcronologico202454587\/t-723-08\/\" class=\"_self pt-cv-readmore btn btn-success\" target=\"_self\">Ver Sentencia Completa...<\/a><\/div><\/div><\/div><\/div>\n<div class=\"col-md-12 col-sm-12 col-xs-12 pt-cv-content-item pt-cv-1-col\" ><div class='pt-cv-ifield'><a href=\"https:\/\/www.dmsjuridica.com\/buscador_20179478954\/corteconstitucionalcronologico202454587\/t-722-08\/\" class=\"_self pt-cv-href-thumbnail pt-cv-thumb-default\" target=\"_self\" ><\/a>\n<div class=\"pt-cv-taxoterm above_title\"><a href='https:\/\/www.dmsjuridica.com\/buscador_20179478954\/corteconstitucionalcronologico202454587\/category\/buscar-en-toda-la-corte\/2008\/tutelas-2008\/' title='Tutelas 2008' class='pt-cv-tax-tutelas-2008'>Tutelas 2008<\/a><\/div>\n<h4 class=\"pt-cv-title\"><a href=\"https:\/\/www.dmsjuridica.com\/buscador_20179478954\/corteconstitucionalcronologico202454587\/t-722-08\/\" class=\"_self\" target=\"_self\" >T-722-08<\/a><\/h4>\n<div class=\"pt-cv-content\">\u00a0 \u00a0 \u00a0 \u00a0 NOTA DE RELATORIA: En cumplimiento del Auto 371A de 30 de noviembre de 2010, que ordena a la Relator\u00eda reemplazar en la p\u00e1gina Web de la Corte Constitucional la versi\u00f3n actual de la sentencia T-722 de 2008 por la que result\u00f3 de cambiar los nombres de identificaci\u00f3n de la peticionaria por XXXXX y YYYYY \u00a0 Sentencia T-722\/08 \u00a0 PROGRAMA DE ATENCION A VICTIMAS DE LA VIOLENCIA-Ayuda humanitaria \u00a0 PROGRAMA DE ATENCION A VICTIMAS DE LA VIOLENCIA-Reparaci\u00f3n por v\u00eda administrativa \u00a0 PROGRAMA DE ATENCION A VICTIMAS DE LA VIOLENCIA-La real condici\u00f3n de v\u00edctima es el factor que ...<br \/><div class=\"pt-cv-rmwrap\"><a href=\"https:\/\/www.dmsjuridica.com\/buscador_20179478954\/corteconstitucionalcronologico202454587\/t-722-08\/\" class=\"_self pt-cv-readmore btn btn-success\" target=\"_self\">Ver Sentencia Completa...<\/a><\/div><\/div><\/div><\/div>\n<div class=\"col-md-12 col-sm-12 col-xs-12 pt-cv-content-item pt-cv-1-col\" ><div class='pt-cv-ifield'><a href=\"https:\/\/www.dmsjuridica.com\/buscador_20179478954\/corteconstitucionalcronologico202454587\/t-721-08\/\" class=\"_self pt-cv-href-thumbnail pt-cv-thumb-default\" target=\"_self\" ><\/a>\n<div class=\"pt-cv-taxoterm above_title\"><a href='https:\/\/www.dmsjuridica.com\/buscador_20179478954\/corteconstitucionalcronologico202454587\/category\/buscar-en-toda-la-corte\/2008\/tutelas-2008\/' title='Tutelas 2008' class='pt-cv-tax-tutelas-2008'>Tutelas 2008<\/a><\/div>\n<h4 class=\"pt-cv-title\"><a href=\"https:\/\/www.dmsjuridica.com\/buscador_20179478954\/corteconstitucionalcronologico202454587\/t-721-08\/\" class=\"_self\" target=\"_self\" >T-721-08<\/a><\/h4>\n<div class=\"pt-cv-content\">\u00a0 \u00a0 \u00a0 \u00a0 Sentencia T-721\/08 \u00a0 POBLACION DESPLAZADA-Procedencia como mecanismo de protecci\u00f3n de sus derechos fundamentales\u00a0 \u00a0 DESPLAZADOS-A las personas desplazadas no se les puede someter al tr\u00e1mite de las acciones judiciales para cuestionar los actos administrativos de las entidades que administran los programas de ayuda o reparaci\u00f3n \u00a0 REGISTRO UNICO DE POBLACION DESPLAZADA-Cumple \u00fanicamente las finalidades de servir de herramienta t\u00e9cnica para la identificaci\u00f3n de la poblaci\u00f3n afectada pero carece de efectos constitutivos de esa condici\u00f3n\u00a0 \u00a0 DESPLAZAMIENTO FORZADO-Principios de interpretaci\u00f3n \u00a0y aplicaci\u00f3n de las normas sobre desplazamiento \u00a0 \u00a0 DESPLAZAMIENTO FORZADO-Reglas relativas a la inscripci\u00f3n de una ...<br \/><div class=\"pt-cv-rmwrap\"><a href=\"https:\/\/www.dmsjuridica.com\/buscador_20179478954\/corteconstitucionalcronologico202454587\/t-721-08\/\" class=\"_self pt-cv-readmore btn btn-success\" target=\"_self\">Ver Sentencia Completa...<\/a><\/div><\/div><\/div><\/div>\n<div class=\"col-md-12 col-sm-12 col-xs-12 pt-cv-content-item pt-cv-1-col\" ><div class='pt-cv-ifield'><a href=\"https:\/\/www.dmsjuridica.com\/buscador_20179478954\/corteconstitucionalcronologico202454587\/t-720-08\/\" class=\"_self pt-cv-href-thumbnail pt-cv-thumb-default\" target=\"_self\" ><\/a>\n<div class=\"pt-cv-taxoterm above_title\"><a href='https:\/\/www.dmsjuridica.com\/buscador_20179478954\/corteconstitucionalcronologico202454587\/category\/buscar-en-toda-la-corte\/2008\/tutelas-2008\/' title='Tutelas 2008' class='pt-cv-tax-tutelas-2008'>Tutelas 2008<\/a><\/div>\n<h4 class=\"pt-cv-title\"><a href=\"https:\/\/www.dmsjuridica.com\/buscador_20179478954\/corteconstitucionalcronologico202454587\/t-720-08\/\" class=\"_self\" target=\"_self\" >T-720-08<\/a><\/h4>\n<div class=\"pt-cv-content\">\u00a0 \u00a0 Sentencia T-720\/08 \u00a0 ACCION DE TUTELA-Ineficacia de las acciones contencioso administrativas para restablecer el derecho de ingreso a la funci\u00f3n p\u00fablica por m\u00e9ritos y calidades \u00a0 ACCION DE TUTELA-Medidas afirmativas para la igualdad de discapacitados que aspiran ingreso a la funci\u00f3n p\u00fablica \u00a0 ACCION DE TUTELA-Procedencia para restablecer los derechos fundamentales de ingresar a cargos de carrera y ascender en los mismos\u00a0 \u00a0 ACCION DE TUTELA-Procedencia cuando el actor no cuenta con un medio de defensa judicial diferente para reclamar el restablecimiento de sus derechos fundamentales a la igualdad y al trabajo\u00a0 \u00a0 ACCION DE TUTELA-Procedencia por ineficacia ...<br \/><div class=\"pt-cv-rmwrap\"><a href=\"https:\/\/www.dmsjuridica.com\/buscador_20179478954\/corteconstitucionalcronologico202454587\/t-720-08\/\" class=\"_self pt-cv-readmore btn btn-success\" target=\"_self\">Ver Sentencia Completa...<\/a><\/div><\/div><\/div><\/div>\n<div class=\"col-md-12 col-sm-12 col-xs-12 pt-cv-content-item pt-cv-1-col\" ><div class='pt-cv-ifield'><a href=\"https:\/\/www.dmsjuridica.com\/buscador_20179478954\/corteconstitucionalcronologico202454587\/t-719-08\/\" class=\"_self pt-cv-href-thumbnail pt-cv-thumb-default\" target=\"_self\" ><\/a>\n<div class=\"pt-cv-taxoterm above_title\"><a href='https:\/\/www.dmsjuridica.com\/buscador_20179478954\/corteconstitucionalcronologico202454587\/category\/buscar-en-toda-la-corte\/2008\/tutelas-2008\/' title='Tutelas 2008' class='pt-cv-tax-tutelas-2008'>Tutelas 2008<\/a><\/div>\n<h4 class=\"pt-cv-title\"><a href=\"https:\/\/www.dmsjuridica.com\/buscador_20179478954\/corteconstitucionalcronologico202454587\/t-719-08\/\" class=\"_self\" target=\"_self\" >T-719-08<\/a><\/h4>\n<div class=\"pt-cv-content\">\u00a0 \u00a0 \u00a0 \u00a0 Sentencia T-719\/08 \u00a0 ACCION DE TUTELA TRANSITORIA-Protecci\u00f3n de derechos fundamentales de la poblaci\u00f3n desplazada \u00a0 POBLACION DESPLAZADA-Resulta desproporcionado exigirle el agotamiento previo de tr\u00e1mites ordinarios como requisito para la procedencia de la tutela \u00a0 POBLACION DESPLAZADA-Derecho a la subsistencia digna no puede estar condicionado a un plazo fijo \u00a0 POBLACION DESPLAZADA-Derechos m\u00ednimos que deben ser satisfechos en toda circunstancia por las autoridades \u00a0 Referencia: expedientes T- 1879495 y T-1888813 (acumulados). \u00a0 Acciones de tutela instauradas por Luz Enith Ballena Botello y Deici Margarita de la Cruz P\u00e9rez, contra la Agencia Presidencial para la Acci\u00f3n Social y ...<br \/><div class=\"pt-cv-rmwrap\"><a href=\"https:\/\/www.dmsjuridica.com\/buscador_20179478954\/corteconstitucionalcronologico202454587\/t-719-08\/\" class=\"_self pt-cv-readmore btn btn-success\" target=\"_self\">Ver Sentencia Completa...<\/a><\/div><\/div><\/div><\/div>\n<div class=\"col-md-12 col-sm-12 col-xs-12 pt-cv-content-item pt-cv-1-col\" ><div class='pt-cv-ifield'><a href=\"https:\/\/www.dmsjuridica.com\/buscador_20179478954\/corteconstitucionalcronologico202454587\/t-718-08\/\" class=\"_self pt-cv-href-thumbnail pt-cv-thumb-default\" target=\"_self\" ><\/a>\n<div class=\"pt-cv-taxoterm above_title\"><a href='https:\/\/www.dmsjuridica.com\/buscador_20179478954\/corteconstitucionalcronologico202454587\/category\/buscar-en-toda-la-corte\/2008\/tutelas-2008\/' title='Tutelas 2008' class='pt-cv-tax-tutelas-2008'>Tutelas 2008<\/a><\/div>\n<h4 class=\"pt-cv-title\"><a href=\"https:\/\/www.dmsjuridica.com\/buscador_20179478954\/corteconstitucionalcronologico202454587\/t-718-08\/\" class=\"_self\" target=\"_self\" >T-718-08<\/a><\/h4>\n<div class=\"pt-cv-content\"> ...<br \/><div class=\"pt-cv-rmwrap\"><a href=\"https:\/\/www.dmsjuridica.com\/buscador_20179478954\/corteconstitucionalcronologico202454587\/t-718-08\/\" class=\"_self pt-cv-readmore btn btn-success\" target=\"_self\">Ver Sentencia Completa...<\/a><\/div><\/div><\/div><\/div>\n<div class=\"col-md-12 col-sm-12 col-xs-12 pt-cv-content-item pt-cv-1-col\" ><div class='pt-cv-ifield'><a href=\"https:\/\/www.dmsjuridica.com\/buscador_20179478954\/corteconstitucionalcronologico202454587\/t-712-08\/\" class=\"_self pt-cv-href-thumbnail pt-cv-thumb-default\" target=\"_self\" ><\/a>\n<div class=\"pt-cv-taxoterm above_title\"><a href='https:\/\/www.dmsjuridica.com\/buscador_20179478954\/corteconstitucionalcronologico202454587\/category\/buscar-en-toda-la-corte\/2008\/tutelas-2008\/' title='Tutelas 2008' class='pt-cv-tax-tutelas-2008'>Tutelas 2008<\/a><\/div>\n<h4 class=\"pt-cv-title\"><a href=\"https:\/\/www.dmsjuridica.com\/buscador_20179478954\/corteconstitucionalcronologico202454587\/t-712-08\/\" class=\"_self\" target=\"_self\" >T-712-08<\/a><\/h4>\n<div class=\"pt-cv-content\">\u00a0 \u00a0 Sentencia T-712\/08 \u00a0 ACCION DE TUTELA-Procedencia para ordenar la inaplicaci\u00f3n de las normas que regulan las exclusiones y limitaciones del Plan Obligatorio de Salud \u00a0 INAPLICACION DE NORMAS DEL PLAN OBLIGATORIO DE SALUD-Reglas jurisprudenciales \u00a0 Referencia: expediente T-1863538 \u00a0 Acci\u00f3n de tutela instaurada por Luz Mery Palomino Villamizar, en representaci\u00f3n de su hija Ingrid Camila Arciniegas Palomino, contra COOMEVA E.P.S. \u00a0 Magistrado Ponente: \u00a0 Dr. JAIME ARA\u00daJO RENTER\u00cdA \u00a0 \u00a0 \u00a0 \u00a0 \u00a0 Bogot\u00e1, D.C., quince (15) de julio de dos mil ocho (2008) \u00a0 La Sala Primera de Revisi\u00f3n de la Corte Constitucional, integrada por los Magistrados, ...<br \/><div class=\"pt-cv-rmwrap\"><a href=\"https:\/\/www.dmsjuridica.com\/buscador_20179478954\/corteconstitucionalcronologico202454587\/t-712-08\/\" class=\"_self pt-cv-readmore btn btn-success\" target=\"_self\">Ver Sentencia Completa...<\/a><\/div><\/div><\/div><\/div>\n<div class=\"col-md-12 col-sm-12 col-xs-12 pt-cv-content-item pt-cv-1-col\" ><div class='pt-cv-ifield'><a href=\"https:\/\/www.dmsjuridica.com\/buscador_20179478954\/corteconstitucionalcronologico202454587\/t-711-08\/\" class=\"_self pt-cv-href-thumbnail pt-cv-thumb-default\" target=\"_self\" ><\/a>\n<div class=\"pt-cv-taxoterm above_title\"><a href='https:\/\/www.dmsjuridica.com\/buscador_20179478954\/corteconstitucionalcronologico202454587\/category\/buscar-en-toda-la-corte\/2008\/tutelas-2008\/' title='Tutelas 2008' class='pt-cv-tax-tutelas-2008'>Tutelas 2008<\/a><\/div>\n<h4 class=\"pt-cv-title\"><a href=\"https:\/\/www.dmsjuridica.com\/buscador_20179478954\/corteconstitucionalcronologico202454587\/t-711-08\/\" class=\"_self\" target=\"_self\" >T-711-08<\/a><\/h4>\n<div class=\"pt-cv-content\"> ...<br \/><div class=\"pt-cv-rmwrap\"><a href=\"https:\/\/www.dmsjuridica.com\/buscador_20179478954\/corteconstitucionalcronologico202454587\/t-711-08\/\" class=\"_self pt-cv-readmore btn btn-success\" target=\"_self\">Ver Sentencia Completa...<\/a><\/div><\/div><\/div><\/div>\n<div class=\"col-md-12 col-sm-12 col-xs-12 pt-cv-content-item pt-cv-1-col\" ><div class='pt-cv-ifield'><a href=\"https:\/\/www.dmsjuridica.com\/buscador_20179478954\/corteconstitucionalcronologico202454587\/t-710-08\/\" class=\"_self pt-cv-href-thumbnail pt-cv-thumb-default\" target=\"_self\" ><\/a>\n<div class=\"pt-cv-taxoterm above_title\"><a href='https:\/\/www.dmsjuridica.com\/buscador_20179478954\/corteconstitucionalcronologico202454587\/category\/buscar-en-toda-la-corte\/2008\/tutelas-2008\/' title='Tutelas 2008' class='pt-cv-tax-tutelas-2008'>Tutelas 2008<\/a><\/div>\n<h4 class=\"pt-cv-title\"><a href=\"https:\/\/www.dmsjuridica.com\/buscador_20179478954\/corteconstitucionalcronologico202454587\/t-710-08\/\" class=\"_self\" target=\"_self\" >T-710-08<\/a><\/h4>\n<div class=\"pt-cv-content\">\u00a0 \u00a0 Sentencia T-710\/08 \u00a0 DERECHO COLECTIVO-Diferenciaci\u00f3n entre su vulneraci\u00f3n y la vulneraci\u00f3n de un derecho fundamental \u00a0 ACCION DE TUTELA, ACCIONES POPULARES Y ACCIONES DE GRUPO-Mecanismos diferentes para la protecci\u00f3n de derechos fundamentales y derechos colectivos \u00a0 ACCIONES POPULARES Y \u00a0ACCIONES DE GRUPO-Para la protecci\u00f3n de los derechos colectivos\u00a0 \u00a0 ACCION DE TUTELA-Procedencia cuando se afectan derechos fundamentales directamente relacionados con la vulneraci\u00f3n de derechos colectivos \u00a0\u00a0 \u00a0 ACCION DE TUTELA-Procedencia ante vulneraci\u00f3n de un derecho colectivo y violaci\u00f3n o amenaza a un derecho fundamental \u00a0\u00a0 \u00a0 ACCION DE TUTELA-Mecanismo de protecci\u00f3n de derechos colectivos en conexidad con derechos ...<br \/><div class=\"pt-cv-rmwrap\"><a href=\"https:\/\/www.dmsjuridica.com\/buscador_20179478954\/corteconstitucionalcronologico202454587\/t-710-08\/\" class=\"_self pt-cv-readmore btn btn-success\" target=\"_self\">Ver Sentencia Completa...<\/a><\/div><\/div><\/div><\/div>\n<div class=\"col-md-12 col-sm-12 col-xs-12 pt-cv-content-item pt-cv-1-col\" ><div class='pt-cv-ifield'><a href=\"https:\/\/www.dmsjuridica.com\/buscador_20179478954\/corteconstitucionalcronologico202454587\/t-709-08\/\" class=\"_self pt-cv-href-thumbnail pt-cv-thumb-default\" target=\"_self\" ><\/a>\n<div class=\"pt-cv-taxoterm above_title\"><a href='https:\/\/www.dmsjuridica.com\/buscador_20179478954\/corteconstitucionalcronologico202454587\/category\/buscar-en-toda-la-corte\/2008\/tutelas-2008\/' title='Tutelas 2008' class='pt-cv-tax-tutelas-2008'>Tutelas 2008<\/a><\/div>\n<h4 class=\"pt-cv-title\"><a href=\"https:\/\/www.dmsjuridica.com\/buscador_20179478954\/corteconstitucionalcronologico202454587\/t-709-08\/\" class=\"_self\" target=\"_self\" >T-709-08<\/a><\/h4>\n<div class=\"pt-cv-content\">\u00a0 \u00a0 Sentencia T-709\/08 \u00a0 DERECHO A LA SALUD-Fundamental aut\u00f3nomo \u00a0 DERECHO A LA SALUD-Alcance y contenido \u00a0 DERECHO A LA SALUD-Definici\u00f3n \u00a0 DERECHO A LA SALUD-Incorpora el derecho al diagn\u00f3stico \u00a0 DERECHOS SOCIALES, ECONOMICOS Y CULTURALES-Prestacionales y transmutaci\u00f3n hacia un derecho subjetivo \u00a0 DERECHOS SOCIALES, ECONOMICOS Y CULTURALES-Adquisici\u00f3n car\u00e1cter de fundamentales \u00a0 DERECHO A LA VIDA-Concepto amplio \u00a0 INAPLICACION DE NORMAS DEL PLAN OBLIGATORIO DE SALUD-Marco jur\u00eddico \u00a0 INAPLICACION DE NORMAS DEL PLAN OBLIGATORIO DE SALUD-Reglas jurisprudenciales \u00a0 Reiteraci\u00f3n de Jurisprudencia \u00a0 Referencia: expediente T-1870519 \u00a0 Acci\u00f3n de tutela instaurada por Mar\u00eda Virgelina Mendoza Ducuara contra Solsalud ARS.\u00a0 \u00a0 ...<br \/><div class=\"pt-cv-rmwrap\"><a href=\"https:\/\/www.dmsjuridica.com\/buscador_20179478954\/corteconstitucionalcronologico202454587\/t-709-08\/\" class=\"_self pt-cv-readmore btn btn-success\" target=\"_self\">Ver Sentencia Completa...<\/a><\/div><\/div><\/div><\/div>\n<div class=\"col-md-12 col-sm-12 col-xs-12 pt-cv-content-item pt-cv-1-col\" ><div class='pt-cv-ifield'><a href=\"https:\/\/www.dmsjuridica.com\/buscador_20179478954\/corteconstitucionalcronologico202454587\/t-708-08\/\" class=\"_self pt-cv-href-thumbnail pt-cv-thumb-default\" target=\"_self\" ><\/a>\n<div class=\"pt-cv-taxoterm above_title\"><a href='https:\/\/www.dmsjuridica.com\/buscador_20179478954\/corteconstitucionalcronologico202454587\/category\/buscar-en-toda-la-corte\/2008\/tutelas-2008\/' title='Tutelas 2008' class='pt-cv-tax-tutelas-2008'>Tutelas 2008<\/a><\/div>\n<h4 class=\"pt-cv-title\"><a href=\"https:\/\/www.dmsjuridica.com\/buscador_20179478954\/corteconstitucionalcronologico202454587\/t-708-08\/\" class=\"_self\" target=\"_self\" >T-708-08<\/a><\/h4>\n<div class=\"pt-cv-content\"> ...<br \/><div class=\"pt-cv-rmwrap\"><a href=\"https:\/\/www.dmsjuridica.com\/buscador_20179478954\/corteconstitucionalcronologico202454587\/t-708-08\/\" class=\"_self pt-cv-readmore btn btn-success\" target=\"_self\">Ver Sentencia Completa...<\/a><\/div><\/div><\/div><\/div>\n<div class=\"col-md-12 col-sm-12 col-xs-12 pt-cv-content-item pt-cv-1-col\" ><div class='pt-cv-ifield'><a href=\"https:\/\/www.dmsjuridica.com\/buscador_20179478954\/corteconstitucionalcronologico202454587\/t-707-08\/\" class=\"_self pt-cv-href-thumbnail pt-cv-thumb-default\" target=\"_self\" ><\/a>\n<div class=\"pt-cv-taxoterm above_title\"><a href='https:\/\/www.dmsjuridica.com\/buscador_20179478954\/corteconstitucionalcronologico202454587\/category\/buscar-en-toda-la-corte\/2008\/tutelas-2008\/' title='Tutelas 2008' class='pt-cv-tax-tutelas-2008'>Tutelas 2008<\/a><\/div>\n<h4 class=\"pt-cv-title\"><a href=\"https:\/\/www.dmsjuridica.com\/buscador_20179478954\/corteconstitucionalcronologico202454587\/t-707-08\/\" class=\"_self\" target=\"_self\" >T-707-08<\/a><\/h4>\n<div class=\"pt-cv-content\">\u00a0 \u00a0 Sentencia T-707\/08 \u00a0 ACCION DE TUTELA CONTRA PARTICULARES-Procedencia \u00a0 DERECHO DE PETICION ANTE ENTIDADES PRIVADAS-La norma constitucional prev\u00e9 que el legislador pueda desarrollar el ejercicio de este derecho frente a particulares, para la garant\u00eda de los derechos fundamentales \u00a0 DERECHO DE PETICION ANTE ENTIDADES PRIVADAS-Aplicaci\u00f3n a la relaci\u00f3n entre ex empleador y ex trabajador \u00a0 DERECHO DE PETICION ANTE ENTIDADES PRIVADAS-Elemento de la subordinaci\u00f3n en el caso de extrabajadores\u00a0 \u00a0 DERECHO DE PETICION ANTE ENTIDADES PRIVADAS-Resoluci\u00f3n pronta y oportuna de la solicitud \u00a0 DERECHO DE PETICION ANTE ENTIDADES PRIVADAS-En la petici\u00f3n de documentaci\u00f3n y certificaciones, las cooperativas accionadas ...<br \/><div class=\"pt-cv-rmwrap\"><a href=\"https:\/\/www.dmsjuridica.com\/buscador_20179478954\/corteconstitucionalcronologico202454587\/t-707-08\/\" class=\"_self pt-cv-readmore btn btn-success\" target=\"_self\">Ver Sentencia Completa...<\/a><\/div><\/div><\/div><\/div>\n<div class=\"col-md-12 col-sm-12 col-xs-12 pt-cv-content-item pt-cv-1-col\" ><div class='pt-cv-ifield'><a href=\"https:\/\/www.dmsjuridica.com\/buscador_20179478954\/corteconstitucionalcronologico202454587\/t-706-08\/\" class=\"_self pt-cv-href-thumbnail pt-cv-thumb-default\" target=\"_self\" ><\/a>\n<div class=\"pt-cv-taxoterm above_title\"><a href='https:\/\/www.dmsjuridica.com\/buscador_20179478954\/corteconstitucionalcronologico202454587\/category\/buscar-en-toda-la-corte\/2008\/tutelas-2008\/' title='Tutelas 2008' class='pt-cv-tax-tutelas-2008'>Tutelas 2008<\/a><\/div>\n<h4 class=\"pt-cv-title\"><a href=\"https:\/\/www.dmsjuridica.com\/buscador_20179478954\/corteconstitucionalcronologico202454587\/t-706-08\/\" class=\"_self\" target=\"_self\" >T-706-08<\/a><\/h4>\n<div class=\"pt-cv-content\">\u00a0 \u00a0 Sentencia T-706\/08 \u00a0 ENTIDAD PROMOTORA DE SALUD-Autorizaci\u00f3n de cirug\u00eda abdominal \u00a0 Referencia: expediente T-1882063 \u00a0 Acci\u00f3n de tutela instaurada por Luz Nelly Escobar Cardona contra EPS Cruz Blanca. \u00a0 Magistrado Ponente: \u00a0 MANUEL JOS\u00c9 CEPEDA ESPINOSA \u00a0 Bogot\u00e1, D.C., diez (10) de julio de dos mil ocho (2008). \u00a0 Teniendo en cuenta que el problema jur\u00eddico que suscita la presente acci\u00f3n de tutela ya ha sido objeto de otros pronunciamientos por parte de esta Corporaci\u00f3n, la Sala Segunda de Revisi\u00f3n de la Corte Constitucional decide reiterar lo dispuesto por la jurisprudencia para este tipo de casos. Por tal ...<br \/><div class=\"pt-cv-rmwrap\"><a href=\"https:\/\/www.dmsjuridica.com\/buscador_20179478954\/corteconstitucionalcronologico202454587\/t-706-08\/\" class=\"_self pt-cv-readmore btn btn-success\" target=\"_self\">Ver Sentencia Completa...<\/a><\/div><\/div><\/div><\/div>\n<div class=\"col-md-12 col-sm-12 col-xs-12 pt-cv-content-item pt-cv-1-col\" ><div class='pt-cv-ifield'><a href=\"https:\/\/www.dmsjuridica.com\/buscador_20179478954\/corteconstitucionalcronologico202454587\/t-705-08\/\" class=\"_self pt-cv-href-thumbnail pt-cv-thumb-default\" target=\"_self\" ><\/a>\n<div class=\"pt-cv-taxoterm above_title\"><a href='https:\/\/www.dmsjuridica.com\/buscador_20179478954\/corteconstitucionalcronologico202454587\/category\/buscar-en-toda-la-corte\/2008\/tutelas-2008\/' title='Tutelas 2008' class='pt-cv-tax-tutelas-2008'>Tutelas 2008<\/a><\/div>\n<h4 class=\"pt-cv-title\"><a href=\"https:\/\/www.dmsjuridica.com\/buscador_20179478954\/corteconstitucionalcronologico202454587\/t-705-08\/\" class=\"_self\" target=\"_self\" >T-705-08<\/a><\/h4>\n<div class=\"pt-cv-content\">\u00a0 \u00a0 Sentencia T-705\/08 \u00a0 DERECHO A LA EDUCACION-Contenido espec\u00edfico \u00a0 DERECHO A LA EDUCACION-Alcance de la autonom\u00eda universitaria \u00a0 DERECHO A LA EDUCACION-Ligado a otros derechos fundamentales como el derecho a escoger libremente oficio o profesi\u00f3n \u00a0 DERECHO A LA EDUCACION-El otorgamiento del t\u00edtulo, despu\u00e9s de haber culminado el plan de estudios en una universidad, hace parte del derecho fundamental a la educaci\u00f3n \u00a0 PRINCIPIO DE AUTONOMIA UNIVERSITARIA-Garant\u00eda constitucional que leg\u00edtima la autorregulaci\u00f3n y autogesti\u00f3n de las instituciones de educaci\u00f3n tanto privadas como p\u00fablicas \u00a0 AUTONOMIA UNIVERSITARIA-Potestad sancionatoria \u00a0 AUTONOMIA UNIVERSITARIA-Procedimientos disciplinarios \u00a0 AUTONOMIA UNIVERSITARIA-Se proyecta en la potestad ...<br \/><div class=\"pt-cv-rmwrap\"><a href=\"https:\/\/www.dmsjuridica.com\/buscador_20179478954\/corteconstitucionalcronologico202454587\/t-705-08\/\" class=\"_self pt-cv-readmore btn btn-success\" target=\"_self\">Ver Sentencia Completa...<\/a><\/div><\/div><\/div><\/div>\n<div class=\"col-md-12 col-sm-12 col-xs-12 pt-cv-content-item pt-cv-1-col\" ><div class='pt-cv-ifield'><a href=\"https:\/\/www.dmsjuridica.com\/buscador_20179478954\/corteconstitucionalcronologico202454587\/t-704-08\/\" class=\"_self pt-cv-href-thumbnail pt-cv-thumb-default\" target=\"_self\" ><\/a>\n<div class=\"pt-cv-taxoterm above_title\"><a href='https:\/\/www.dmsjuridica.com\/buscador_20179478954\/corteconstitucionalcronologico202454587\/category\/buscar-en-toda-la-corte\/2008\/tutelas-2008\/' title='Tutelas 2008' class='pt-cv-tax-tutelas-2008'>Tutelas 2008<\/a><\/div>\n<h4 class=\"pt-cv-title\"><a href=\"https:\/\/www.dmsjuridica.com\/buscador_20179478954\/corteconstitucionalcronologico202454587\/t-704-08\/\" class=\"_self\" target=\"_self\" >T-704-08<\/a><\/h4>\n<div class=\"pt-cv-content\">\u00a0 \u00a0 Sentencia T-704\/08 \u00a0 POBLACION DESPLAZADA-Contenido de derechos que integran el m\u00ednimo prestacional \u00a0 DESPLAZAMIENTO FORZADO Y AYUDA HUMANITARIA DE EMERGENCIA-Par\u00e1metros sobre su entrega y pr\u00f3rroga \u00a0 DESPLAZAMIENTO FORZADO Y AYUDA HUMANITARIA DE EMERGENCIA-Sujetos de especial protecci\u00f3n\u00a0 \u00a0 DESPLAZAMIENTO FORZADO Y AYUDA HUMANITARIA DE EMERGENCIA-Grupos de personas desplazadas que por sus especiales condiciones tienen derecho a recibir ayuda humanitaria de emergencia durante un per\u00edodo de tiempo mayor al que fij\u00f3 la ley\u00a0 \u00a0 DESPLAZAMIENTO FORZADO Y AYUDA HUMANITARIA DE EMERGENCIA-Personas desplazadas discapacitadas tienen derecho a recibir ayuda humanitaria de emergencia durante un per\u00edodo de tiempo mayor al que fij\u00f3 ...<br \/><div class=\"pt-cv-rmwrap\"><a href=\"https:\/\/www.dmsjuridica.com\/buscador_20179478954\/corteconstitucionalcronologico202454587\/t-704-08\/\" class=\"_self pt-cv-readmore btn btn-success\" target=\"_self\">Ver Sentencia Completa...<\/a><\/div><\/div><\/div><\/div>\n<div class=\"col-md-12 col-sm-12 col-xs-12 pt-cv-content-item pt-cv-1-col\" ><div class='pt-cv-ifield'><a href=\"https:\/\/www.dmsjuridica.com\/buscador_20179478954\/corteconstitucionalcronologico202454587\/t-703-08\/\" class=\"_self pt-cv-href-thumbnail pt-cv-thumb-default\" target=\"_self\" ><\/a>\n<div class=\"pt-cv-taxoterm above_title\"><a href='https:\/\/www.dmsjuridica.com\/buscador_20179478954\/corteconstitucionalcronologico202454587\/category\/buscar-en-toda-la-corte\/2008\/tutelas-2008\/' title='Tutelas 2008' class='pt-cv-tax-tutelas-2008'>Tutelas 2008<\/a><\/div>\n<h4 class=\"pt-cv-title\"><a href=\"https:\/\/www.dmsjuridica.com\/buscador_20179478954\/corteconstitucionalcronologico202454587\/t-703-08\/\" class=\"_self\" target=\"_self\" >T-703-08<\/a><\/h4>\n<div class=\"pt-cv-content\"> ...<br \/><div class=\"pt-cv-rmwrap\"><a href=\"https:\/\/www.dmsjuridica.com\/buscador_20179478954\/corteconstitucionalcronologico202454587\/t-703-08\/\" class=\"_self pt-cv-readmore btn btn-success\" target=\"_self\">Ver Sentencia Completa...<\/a><\/div><\/div><\/div><\/div>\n<div class=\"col-md-12 col-sm-12 col-xs-12 pt-cv-content-item pt-cv-1-col\" ><div class='pt-cv-ifield'><a href=\"https:\/\/www.dmsjuridica.com\/buscador_20179478954\/corteconstitucionalcronologico202454587\/t-702-08\/\" class=\"_self pt-cv-href-thumbnail pt-cv-thumb-default\" target=\"_self\" ><\/a>\n<div class=\"pt-cv-taxoterm above_title\"><a href='https:\/\/www.dmsjuridica.com\/buscador_20179478954\/corteconstitucionalcronologico202454587\/category\/buscar-en-toda-la-corte\/2008\/tutelas-2008\/' title='Tutelas 2008' class='pt-cv-tax-tutelas-2008'>Tutelas 2008<\/a><\/div>\n<h4 class=\"pt-cv-title\"><a href=\"https:\/\/www.dmsjuridica.com\/buscador_20179478954\/corteconstitucionalcronologico202454587\/t-702-08\/\" class=\"_self\" target=\"_self\" >T-702-08<\/a><\/h4>\n<div class=\"pt-cv-content\"> ...<br \/><div class=\"pt-cv-rmwrap\"><a href=\"https:\/\/www.dmsjuridica.com\/buscador_20179478954\/corteconstitucionalcronologico202454587\/t-702-08\/\" class=\"_self pt-cv-readmore btn btn-success\" target=\"_self\">Ver Sentencia Completa...<\/a><\/div><\/div><\/div><\/div>\n<div class=\"col-md-12 col-sm-12 col-xs-12 pt-cv-content-item pt-cv-1-col\" ><div class='pt-cv-ifield'><a href=\"https:\/\/www.dmsjuridica.com\/buscador_20179478954\/corteconstitucionalcronologico202454587\/t-701-08\/\" class=\"_self pt-cv-href-thumbnail pt-cv-thumb-default\" target=\"_self\" ><\/a>\n<div class=\"pt-cv-taxoterm above_title\"><a href='https:\/\/www.dmsjuridica.com\/buscador_20179478954\/corteconstitucionalcronologico202454587\/category\/buscar-en-toda-la-corte\/2008\/tutelas-2008\/' title='Tutelas 2008' class='pt-cv-tax-tutelas-2008'>Tutelas 2008<\/a><\/div>\n<h4 class=\"pt-cv-title\"><a href=\"https:\/\/www.dmsjuridica.com\/buscador_20179478954\/corteconstitucionalcronologico202454587\/t-701-08\/\" class=\"_self\" target=\"_self\" >T-701-08<\/a><\/h4>\n<div class=\"pt-cv-content\"> ...<br \/><div class=\"pt-cv-rmwrap\"><a href=\"https:\/\/www.dmsjuridica.com\/buscador_20179478954\/corteconstitucionalcronologico202454587\/t-701-08\/\" class=\"_self pt-cv-readmore btn btn-success\" target=\"_self\">Ver Sentencia Completa...<\/a><\/div><\/div><\/div><\/div>\n<div class=\"col-md-12 col-sm-12 col-xs-12 pt-cv-content-item pt-cv-1-col\" ><div class='pt-cv-ifield'><a href=\"https:\/\/www.dmsjuridica.com\/buscador_20179478954\/corteconstitucionalcronologico202454587\/t-700-08\/\" class=\"_self pt-cv-href-thumbnail pt-cv-thumb-default\" target=\"_self\" ><\/a>\n<div class=\"pt-cv-taxoterm above_title\"><a href='https:\/\/www.dmsjuridica.com\/buscador_20179478954\/corteconstitucionalcronologico202454587\/category\/buscar-en-toda-la-corte\/2008\/tutelas-2008\/' title='Tutelas 2008' class='pt-cv-tax-tutelas-2008'>Tutelas 2008<\/a><\/div>\n<h4 class=\"pt-cv-title\"><a href=\"https:\/\/www.dmsjuridica.com\/buscador_20179478954\/corteconstitucionalcronologico202454587\/t-700-08\/\" class=\"_self\" target=\"_self\" >T-700-08<\/a><\/h4>\n<div class=\"pt-cv-content\">\u00a0 \u00a0 Sentencia T-700\/08 \u00a0 ACCION DE TUTELA-Hecho superado por pago en su totalidad de la incapacidad laboral\u00a0 \u00a0 Referencia: expediente T-1861928 \u00a0 Acci\u00f3n de tutela de Diego Ignacio Fajardo P\u00e9rez contra la E.P.S. Servicio Occidental de Salud -SOS-, con citaci\u00f3n oficiosa de la Cooperativa de Trabajo Asociado Alianza para el Desarrollo Social -ADES C.T.A.- y el Sistema Integrado M\u00faltiple de Pagos Electr\u00f3nicos -SIMPLE S. A.- \u00a0 Magistrada Ponente: \u00a0 Dra. CLARA IN\u00c9S VARGAS HERN\u00c1NDEZ \u00a0 Bogot\u00e1, D. C., diez (10) de julio de dos mil ocho (2008). \u00a0 La Sala Novena de Revisi\u00f3n de la Corte Constitucional, integrada por ...<br \/><div class=\"pt-cv-rmwrap\"><a href=\"https:\/\/www.dmsjuridica.com\/buscador_20179478954\/corteconstitucionalcronologico202454587\/t-700-08\/\" class=\"_self pt-cv-readmore btn btn-success\" target=\"_self\">Ver Sentencia Completa...<\/a><\/div><\/div><\/div><\/div>\n<div class=\"col-md-12 col-sm-12 col-xs-12 pt-cv-content-item pt-cv-1-col\" ><div class='pt-cv-ifield'><a href=\"https:\/\/www.dmsjuridica.com\/buscador_20179478954\/corteconstitucionalcronologico202454587\/t-699-08\/\" class=\"_self pt-cv-href-thumbnail pt-cv-thumb-default\" target=\"_self\" ><\/a>\n<div class=\"pt-cv-taxoterm above_title\"><a href='https:\/\/www.dmsjuridica.com\/buscador_20179478954\/corteconstitucionalcronologico202454587\/category\/buscar-en-toda-la-corte\/2008\/tutelas-2008\/' title='Tutelas 2008' class='pt-cv-tax-tutelas-2008'>Tutelas 2008<\/a><\/div>\n<h4 class=\"pt-cv-title\"><a href=\"https:\/\/www.dmsjuridica.com\/buscador_20179478954\/corteconstitucionalcronologico202454587\/t-699-08\/\" class=\"_self\" target=\"_self\" >T-699-08<\/a><\/h4>\n<div class=\"pt-cv-content\"> ...<br \/><div class=\"pt-cv-rmwrap\"><a href=\"https:\/\/www.dmsjuridica.com\/buscador_20179478954\/corteconstitucionalcronologico202454587\/t-699-08\/\" class=\"_self pt-cv-readmore btn btn-success\" target=\"_self\">Ver Sentencia Completa...<\/a><\/div><\/div><\/div><\/div>\n<div class=\"col-md-12 col-sm-12 col-xs-12 pt-cv-content-item pt-cv-1-col\" ><div class='pt-cv-ifield'><a href=\"https:\/\/www.dmsjuridica.com\/buscador_20179478954\/corteconstitucionalcronologico202454587\/t-689-08\/\" class=\"_self pt-cv-href-thumbnail pt-cv-thumb-default\" target=\"_self\" ><\/a>\n<div class=\"pt-cv-taxoterm above_title\"><a href='https:\/\/www.dmsjuridica.com\/buscador_20179478954\/corteconstitucionalcronologico202454587\/category\/buscar-en-toda-la-corte\/2008\/tutelas-2008\/' title='Tutelas 2008' class='pt-cv-tax-tutelas-2008'>Tutelas 2008<\/a><\/div>\n<h4 class=\"pt-cv-title\"><a href=\"https:\/\/www.dmsjuridica.com\/buscador_20179478954\/corteconstitucionalcronologico202454587\/t-689-08\/\" class=\"_self\" target=\"_self\" >T-689-08<\/a><\/h4>\n<div class=\"pt-cv-content\">\u00a0 \u00a0 Sentencia T-689\/08 \u00a0 SISTEMA DE SEGURIDAD SOCIAL EN SALUD-Cuotas moderadoras o copagos \u00a0 SISTEMA DE SEGURIDAD SOCIAL EN SALUD-Cuotas moderadora o copagos no pueden convertirse en barreras de acceso al servicio para personas que no tiene recursos econ\u00f3micos \u00a0 DERECHO A LA SALUD-Casos en que se debe prescindir de los copagos y cuotas moderadoras \u00a0 DERECHO A LA SALUD DEL NI\u00d1O-Prestaci\u00f3n de tratamiento m\u00e9dico sin exigir copagos \u00a0 Reiteraci\u00f3n de jurisprudencia \u00a0 Referencia: expediente T-1.871.410. \u00a0 Demandante: Francia Mart\u00ednez Zamudio en representaci\u00f3n de su hijo menor de edad Miguel Angel L\u00f3pez Mart\u00ednez. \u00a0 Demandado: Secretar\u00eda Distrital de Salud ...<br \/><div class=\"pt-cv-rmwrap\"><a href=\"https:\/\/www.dmsjuridica.com\/buscador_20179478954\/corteconstitucionalcronologico202454587\/t-689-08\/\" class=\"_self pt-cv-readmore btn btn-success\" target=\"_self\">Ver Sentencia Completa...<\/a><\/div><\/div><\/div><\/div>\n<div class=\"col-md-12 col-sm-12 col-xs-12 pt-cv-content-item pt-cv-1-col\" ><div class='pt-cv-ifield'><a href=\"https:\/\/www.dmsjuridica.com\/buscador_20179478954\/corteconstitucionalcronologico202454587\/t-688-08\/\" class=\"_self pt-cv-href-thumbnail pt-cv-thumb-default\" target=\"_self\" ><\/a>\n<div class=\"pt-cv-taxoterm above_title\"><a href='https:\/\/www.dmsjuridica.com\/buscador_20179478954\/corteconstitucionalcronologico202454587\/category\/buscar-en-toda-la-corte\/2008\/tutelas-2008\/' title='Tutelas 2008' class='pt-cv-tax-tutelas-2008'>Tutelas 2008<\/a><\/div>\n<h4 class=\"pt-cv-title\"><a href=\"https:\/\/www.dmsjuridica.com\/buscador_20179478954\/corteconstitucionalcronologico202454587\/t-688-08\/\" class=\"_self\" target=\"_self\" >T-688-08<\/a><\/h4>\n<div class=\"pt-cv-content\">\u00a0 \u00a0 Sentencia T-688\/08 \u00a0 ACCION DE TUTELA-Procedencia para restablecimiento de derechos fundamentales de las personas afectadas con toda clase de limitaciones \u00a0 ACCION DE TUTELA-Dilaci\u00f3n y complejidad de los mecanismos ordinarios \u00a0 ACCION DE TUTELA-Procedencia para reclamar el derecho a la pensi\u00f3n de invalidez \u00a0 PENSION DE INVALIDEZ-Obligaci\u00f3n de promover la igualdad real y efectiva, de quienes, por su condici\u00f3n econ\u00f3mica, f\u00edsica o mental se encuentran en circunstancias de debilidad manifiesta\u00a0 \u00a0 ACCION DE TUTELA-Procedencia para reclamar el derecho a la pensi\u00f3n de invalidez \u00a0 ACCION DE TUTELA-Dilaci\u00f3n y complejidad de la acci\u00f3n ordinaria laboral \u00a0 PERSONAS EN CIRCUNSTANCIAS ...<br \/><div class=\"pt-cv-rmwrap\"><a href=\"https:\/\/www.dmsjuridica.com\/buscador_20179478954\/corteconstitucionalcronologico202454587\/t-688-08\/\" class=\"_self pt-cv-readmore btn btn-success\" target=\"_self\">Ver Sentencia Completa...<\/a><\/div><\/div><\/div><\/div>\n<div class=\"col-md-12 col-sm-12 col-xs-12 pt-cv-content-item pt-cv-1-col\" ><div class='pt-cv-ifield'><a href=\"https:\/\/www.dmsjuridica.com\/buscador_20179478954\/corteconstitucionalcronologico202454587\/t-687-08\/\" class=\"_self pt-cv-href-thumbnail pt-cv-thumb-default\" target=\"_self\" ><\/a>\n<div class=\"pt-cv-taxoterm above_title\"><a href='https:\/\/www.dmsjuridica.com\/buscador_20179478954\/corteconstitucionalcronologico202454587\/category\/buscar-en-toda-la-corte\/2008\/tutelas-2008\/' title='Tutelas 2008' class='pt-cv-tax-tutelas-2008'>Tutelas 2008<\/a><\/div>\n<h4 class=\"pt-cv-title\"><a href=\"https:\/\/www.dmsjuridica.com\/buscador_20179478954\/corteconstitucionalcronologico202454587\/t-687-08\/\" class=\"_self\" target=\"_self\" >T-687-08<\/a><\/h4>\n<div class=\"pt-cv-content\">\u00a0 \u00a0 Sentencia T-687\/08 \u00a0 ESTABILIDAD LABORAL DE MUJER EMBARAZADA-El requisito relacionado con el conocimiento que deb\u00eda tener el empleador sobre el estado de embarazo resulta una carga excesiva para la mujer gestante \u00a0 ESTABILIDAD LABORAL REFORZADA DE MUJER EMBARAZADA-La carga probatoria se traslada al empleador por lo cual es suficiente que la mujer pruebe que la terminaci\u00f3n de la relaci\u00f3n laboral se produjo durante el embarazo o en los tres meses siguientes al parto \u00a0 ESTABILIDAD LABORAL REFORZADA DE MUJER EMBARAZADA-No significa la inamovilidad laboral de la mujer embarazada sino la garant\u00eda de que la terminaci\u00f3n de su v\u00ednculo ...<br \/><div class=\"pt-cv-rmwrap\"><a href=\"https:\/\/www.dmsjuridica.com\/buscador_20179478954\/corteconstitucionalcronologico202454587\/t-687-08\/\" class=\"_self pt-cv-readmore btn btn-success\" target=\"_self\">Ver Sentencia Completa...<\/a><\/div><\/div><\/div><\/div>\n<div class=\"col-md-12 col-sm-12 col-xs-12 pt-cv-content-item pt-cv-1-col\" ><div class='pt-cv-ifield'><a href=\"https:\/\/www.dmsjuridica.com\/buscador_20179478954\/corteconstitucionalcronologico202454587\/t-686-08\/\" class=\"_self pt-cv-href-thumbnail pt-cv-thumb-default\" target=\"_self\" ><\/a>\n<div class=\"pt-cv-taxoterm above_title\"><a href='https:\/\/www.dmsjuridica.com\/buscador_20179478954\/corteconstitucionalcronologico202454587\/category\/buscar-en-toda-la-corte\/2008\/tutelas-2008\/' title='Tutelas 2008' class='pt-cv-tax-tutelas-2008'>Tutelas 2008<\/a><\/div>\n<h4 class=\"pt-cv-title\"><a href=\"https:\/\/www.dmsjuridica.com\/buscador_20179478954\/corteconstitucionalcronologico202454587\/t-686-08\/\" class=\"_self\" target=\"_self\" >T-686-08<\/a><\/h4>\n<div class=\"pt-cv-content\">\u00a0 \u00a0 Sentencia T-686\/08 \u00a0 COBERTURA EN SALUD PARA PADRES SIN CAPACIDAD DE PAGO EN REGIMEN DE EXCEPCION DE LAS FUERZAS MILITARES\/PROTECCION CONSTITUCIONAL REFORZADA DE PERSONAS DE LA TERCERA EDAD O EN ESTADO DE DEBILIDAD MANIFIESTA-Caso en que Sanidad Militar debe restablecer prestaci\u00f3n de servicio m\u00e9dico a padres beneficiarios de empleada que forma parte del personal civil \u00a0 DERECHO A LA SEGURIDAD SOCIAL-Fundamental \u00a0 DERECHO A LA SEGURIDAD SOCIAL-Servicio p\u00fablico esencial \u00a0 DERECHO A LA SEGURIDAD SOCIAL-Instrumentos internacionales que reconocen su importancia \u00a0 DERECHO A LA SEGURIDAD SOCIAL-Elementos \u00a0 FUERZAS MILITARES Y POLICIA NACIONAL-R\u00e9gimen especial en materia de salud \u00a0 ...<br \/><div class=\"pt-cv-rmwrap\"><a href=\"https:\/\/www.dmsjuridica.com\/buscador_20179478954\/corteconstitucionalcronologico202454587\/t-686-08\/\" class=\"_self pt-cv-readmore btn btn-success\" target=\"_self\">Ver Sentencia Completa...<\/a><\/div><\/div><\/div><\/div>\n<div class=\"col-md-12 col-sm-12 col-xs-12 pt-cv-content-item pt-cv-1-col\" ><div class='pt-cv-ifield'><a href=\"https:\/\/www.dmsjuridica.com\/buscador_20179478954\/corteconstitucionalcronologico202454587\/t-685-08\/\" class=\"_self pt-cv-href-thumbnail pt-cv-thumb-default\" target=\"_self\" ><\/a>\n<div class=\"pt-cv-taxoterm above_title\"><a href='https:\/\/www.dmsjuridica.com\/buscador_20179478954\/corteconstitucionalcronologico202454587\/category\/buscar-en-toda-la-corte\/2008\/tutelas-2008\/' title='Tutelas 2008' class='pt-cv-tax-tutelas-2008'>Tutelas 2008<\/a><\/div>\n<h4 class=\"pt-cv-title\"><a href=\"https:\/\/www.dmsjuridica.com\/buscador_20179478954\/corteconstitucionalcronologico202454587\/t-685-08\/\" class=\"_self\" target=\"_self\" >T-685-08<\/a><\/h4>\n<div class=\"pt-cv-content\">\u00a0 \u00a0 SENTENCIA T-685\/08 \u00a0 (Bogot\u00e1, D.C., julio 4) \u00a0 DERECHO AL DIAGNOSTICO-Fundamental como parte de la salud \u00a0 INAPLICACION DE NORMAS DEL PLAN OBLIGATORIO DE SALUD-Casos en que procede por exclusi\u00f3n de tratamientos y medicamentos de alto costo \u00a0 DERECHO AL DIAGNOSTICO-Pr\u00e1ctica de doplex venoso de los miembros inferiores y suministro de medicamento Herbemin por parte de EPS-S \u00a0 Referencia: Expediente T- 1.848.325 \u00a0 Accionante: Emelina Murcia Espa\u00f1a \u00a0 Accionado: Instituto Departamental de Salud del Caquet\u00e1. IDESAC y COMFACA ARS \u00a0 Fallo objeto de revisi\u00f3n: sentencia del Juzgado Primero Civil del Circuito de Florencia, Caquet\u00e1, del primero (01) de ...<br \/><div class=\"pt-cv-rmwrap\"><a href=\"https:\/\/www.dmsjuridica.com\/buscador_20179478954\/corteconstitucionalcronologico202454587\/t-685-08\/\" class=\"_self pt-cv-readmore btn btn-success\" target=\"_self\">Ver Sentencia Completa...<\/a><\/div><\/div><\/div><\/div>\n<div class=\"col-md-12 col-sm-12 col-xs-12 pt-cv-content-item pt-cv-1-col\" ><div class='pt-cv-ifield'><a href=\"https:\/\/www.dmsjuridica.com\/buscador_20179478954\/corteconstitucionalcronologico202454587\/t-684-08\/\" class=\"_self pt-cv-href-thumbnail pt-cv-thumb-default\" target=\"_self\" ><\/a>\n<div class=\"pt-cv-taxoterm above_title\"><a href='https:\/\/www.dmsjuridica.com\/buscador_20179478954\/corteconstitucionalcronologico202454587\/category\/buscar-en-toda-la-corte\/2008\/tutelas-2008\/' title='Tutelas 2008' class='pt-cv-tax-tutelas-2008'>Tutelas 2008<\/a><\/div>\n<h4 class=\"pt-cv-title\"><a href=\"https:\/\/www.dmsjuridica.com\/buscador_20179478954\/corteconstitucionalcronologico202454587\/t-684-08\/\" class=\"_self\" target=\"_self\" >T-684-08<\/a><\/h4>\n<div class=\"pt-cv-content\">\u00a0 \u00a0 SENTENCIA T-684\/08 \u00a0 (Julio 4 de 2008) \u00a0 DERECHO AL DIAGNOSTICO-Vulneraci\u00f3n de derechos fundamentales cuando se niega el diagn\u00f3stico para detectar la enfermedad del paciente con mayor precisi\u00f3n y as\u00ed determinar el tratamiento necesario \u00a0 COMITE TECNICO CIENTIFICO DE ENTIDAD PROMOTORA DE SALUD-Su concepto no es requisito indispensable para la entrega de medicamentos excluidos del POS \u00a0 DERECHO A LA SALUD Y A LA VIDA-Cuando un procedimiento se encuentra incluido en el POS se entienden tambi\u00e9n incluidos los insumos para practicarlo \u00a0 DERECHO A LA SALUD-Afectaci\u00f3n cuando no se suministran medicamentos \u00a0expresamente se\u00f1alados en el POS y en ...<br \/><div class=\"pt-cv-rmwrap\"><a href=\"https:\/\/www.dmsjuridica.com\/buscador_20179478954\/corteconstitucionalcronologico202454587\/t-684-08\/\" class=\"_self pt-cv-readmore btn btn-success\" target=\"_self\">Ver Sentencia Completa...<\/a><\/div><\/div><\/div><\/div>\n<div class=\"col-md-12 col-sm-12 col-xs-12 pt-cv-content-item pt-cv-1-col\" ><div class='pt-cv-ifield'><a href=\"https:\/\/www.dmsjuridica.com\/buscador_20179478954\/corteconstitucionalcronologico202454587\/t-683-08\/\" class=\"_self pt-cv-href-thumbnail pt-cv-thumb-default\" target=\"_self\" ><\/a>\n<div class=\"pt-cv-taxoterm above_title\"><a href='https:\/\/www.dmsjuridica.com\/buscador_20179478954\/corteconstitucionalcronologico202454587\/category\/buscar-en-toda-la-corte\/2008\/tutelas-2008\/' title='Tutelas 2008' class='pt-cv-tax-tutelas-2008'>Tutelas 2008<\/a><\/div>\n<h4 class=\"pt-cv-title\"><a href=\"https:\/\/www.dmsjuridica.com\/buscador_20179478954\/corteconstitucionalcronologico202454587\/t-683-08\/\" class=\"_self\" target=\"_self\" >T-683-08<\/a><\/h4>\n<div class=\"pt-cv-content\"> ...<br \/><div class=\"pt-cv-rmwrap\"><a href=\"https:\/\/www.dmsjuridica.com\/buscador_20179478954\/corteconstitucionalcronologico202454587\/t-683-08\/\" class=\"_self pt-cv-readmore btn btn-success\" target=\"_self\">Ver Sentencia Completa...<\/a><\/div><\/div><\/div><\/div>\n<div class=\"col-md-12 col-sm-12 col-xs-12 pt-cv-content-item pt-cv-1-col\" ><div class='pt-cv-ifield'><a href=\"https:\/\/www.dmsjuridica.com\/buscador_20179478954\/corteconstitucionalcronologico202454587\/t-682-08\/\" class=\"_self pt-cv-href-thumbnail pt-cv-thumb-default\" target=\"_self\" ><\/a>\n<div class=\"pt-cv-taxoterm above_title\"><a href='https:\/\/www.dmsjuridica.com\/buscador_20179478954\/corteconstitucionalcronologico202454587\/category\/buscar-en-toda-la-corte\/2008\/tutelas-2008\/' title='Tutelas 2008' class='pt-cv-tax-tutelas-2008'>Tutelas 2008<\/a><\/div>\n<h4 class=\"pt-cv-title\"><a href=\"https:\/\/www.dmsjuridica.com\/buscador_20179478954\/corteconstitucionalcronologico202454587\/t-682-08\/\" class=\"_self\" target=\"_self\" >T-682-08<\/a><\/h4>\n<div class=\"pt-cv-content\"> ...<br \/><div class=\"pt-cv-rmwrap\"><a href=\"https:\/\/www.dmsjuridica.com\/buscador_20179478954\/corteconstitucionalcronologico202454587\/t-682-08\/\" class=\"_self pt-cv-readmore btn btn-success\" target=\"_self\">Ver Sentencia Completa...<\/a><\/div><\/div><\/div><\/div>\n<div class=\"col-md-12 col-sm-12 col-xs-12 pt-cv-content-item pt-cv-1-col\" ><div class='pt-cv-ifield'><a href=\"https:\/\/www.dmsjuridica.com\/buscador_20179478954\/corteconstitucionalcronologico202454587\/t-681-08\/\" class=\"_self pt-cv-href-thumbnail pt-cv-thumb-default\" target=\"_self\" ><\/a>\n<div class=\"pt-cv-taxoterm above_title\"><a href='https:\/\/www.dmsjuridica.com\/buscador_20179478954\/corteconstitucionalcronologico202454587\/category\/buscar-en-toda-la-corte\/2008\/tutelas-2008\/' title='Tutelas 2008' class='pt-cv-tax-tutelas-2008'>Tutelas 2008<\/a><\/div>\n<h4 class=\"pt-cv-title\"><a href=\"https:\/\/www.dmsjuridica.com\/buscador_20179478954\/corteconstitucionalcronologico202454587\/t-681-08\/\" class=\"_self\" target=\"_self\" >T-681-08<\/a><\/h4>\n<div class=\"pt-cv-content\"> ...<br \/><div class=\"pt-cv-rmwrap\"><a href=\"https:\/\/www.dmsjuridica.com\/buscador_20179478954\/corteconstitucionalcronologico202454587\/t-681-08\/\" class=\"_self pt-cv-readmore btn btn-success\" target=\"_self\">Ver Sentencia Completa...<\/a><\/div><\/div><\/div><\/div>\n<div class=\"col-md-12 col-sm-12 col-xs-12 pt-cv-content-item pt-cv-1-col\" ><div class='pt-cv-ifield'><a href=\"https:\/\/www.dmsjuridica.com\/buscador_20179478954\/corteconstitucionalcronologico202454587\/t-680-08\/\" class=\"_self pt-cv-href-thumbnail pt-cv-thumb-default\" target=\"_self\" ><\/a>\n<div class=\"pt-cv-taxoterm above_title\"><a href='https:\/\/www.dmsjuridica.com\/buscador_20179478954\/corteconstitucionalcronologico202454587\/category\/buscar-en-toda-la-corte\/2008\/tutelas-2008\/' title='Tutelas 2008' class='pt-cv-tax-tutelas-2008'>Tutelas 2008<\/a><\/div>\n<h4 class=\"pt-cv-title\"><a href=\"https:\/\/www.dmsjuridica.com\/buscador_20179478954\/corteconstitucionalcronologico202454587\/t-680-08\/\" class=\"_self\" target=\"_self\" >T-680-08<\/a><\/h4>\n<div class=\"pt-cv-content\">\u00a0 \u00a0 Sentencia T-680\/08 \u00a0 INCAPACIDAD LABORAL-Procedencia de la acci\u00f3n de tutela\u00a0 \u00a0 La Carta Pol\u00edtica contempla la garant\u00eda de todas las personas no s\u00f3lo al acceso a los servicios de promoci\u00f3n y protecci\u00f3n, sino a los de recuperaci\u00f3n de la salud \u00a0 PAGO DE INCAPACIDAD LABORAL-Sustituye el salario durante el tiempo en el cual el trabajador se encuentra involuntariamente al margen de sus labores\u00a0 \u00a0 INCAPACIDAD LABORAL-No s\u00f3lo constituye para el trabajador una garant\u00eda para su satisfactoria recuperaci\u00f3n, sino la fuente de subsistencia en condiciones dignas, en concordancia con el art\u00edculo 53 superior \u00a0 INCAPACIDAD LABORAL-No solamente constituye una ...<br \/><div class=\"pt-cv-rmwrap\"><a href=\"https:\/\/www.dmsjuridica.com\/buscador_20179478954\/corteconstitucionalcronologico202454587\/t-680-08\/\" class=\"_self pt-cv-readmore btn btn-success\" target=\"_self\">Ver Sentencia Completa...<\/a><\/div><\/div><\/div><\/div>\n<div class=\"col-md-12 col-sm-12 col-xs-12 pt-cv-content-item pt-cv-1-col\" ><div class='pt-cv-ifield'><a href=\"https:\/\/www.dmsjuridica.com\/buscador_20179478954\/corteconstitucionalcronologico202454587\/t-679-08\/\" class=\"_self pt-cv-href-thumbnail pt-cv-thumb-default\" target=\"_self\" ><\/a>\n<div class=\"pt-cv-taxoterm above_title\"><a href='https:\/\/www.dmsjuridica.com\/buscador_20179478954\/corteconstitucionalcronologico202454587\/category\/buscar-en-toda-la-corte\/2008\/tutelas-2008\/' title='Tutelas 2008' class='pt-cv-tax-tutelas-2008'>Tutelas 2008<\/a><\/div>\n<h4 class=\"pt-cv-title\"><a href=\"https:\/\/www.dmsjuridica.com\/buscador_20179478954\/corteconstitucionalcronologico202454587\/t-679-08\/\" class=\"_self\" target=\"_self\" >T-679-08<\/a><\/h4>\n<div class=\"pt-cv-content\">\u00a0 \u00a0 \u00a0 \u00a0 Sentencia T-679\/08 \u00a0 INAPLICACION DE NORMAS DEL PLAN OBLIGATORIO DE SALUD-No se cumplen las condiciones exigidas para tutelar los derechos \u00a0 Referencia: expediente T-1851545. \u00a0 Acci\u00f3n de tutela instaurada por Patricio Antonio Gonz\u00e1lez R\u00edos contra SOLSALUD EPS y Direccion Territorial de Salud de Caldas. \u00a0 Procedencia: Juzgado 1\u00b0 de Ejecuci\u00f3n de Penas y Medidas de Seguridad de Manizales. \u00a0 Magistrado Ponente:\u00a0 \u00a0 Dr. NILSON PINILLA PINILLA \u00a0 Bogot\u00e1, D. C., \u00a0cuatro (4) de julio de dos mil ocho (2008). \u00a0 La Sala S\u00e9ptima de Revisi\u00f3n de la Corte Constitucional, integrada por los Magistrados Nilson Pinilla Pinilla, ...<br \/><div class=\"pt-cv-rmwrap\"><a href=\"https:\/\/www.dmsjuridica.com\/buscador_20179478954\/corteconstitucionalcronologico202454587\/t-679-08\/\" class=\"_self pt-cv-readmore btn btn-success\" target=\"_self\">Ver Sentencia Completa...<\/a><\/div><\/div><\/div><\/div>\n<div class=\"col-md-12 col-sm-12 col-xs-12 pt-cv-content-item pt-cv-1-col\" ><div class='pt-cv-ifield'><a href=\"https:\/\/www.dmsjuridica.com\/buscador_20179478954\/corteconstitucionalcronologico202454587\/t-678-08\/\" class=\"_self pt-cv-href-thumbnail pt-cv-thumb-default\" target=\"_self\" ><\/a>\n<div class=\"pt-cv-taxoterm above_title\"><a href='https:\/\/www.dmsjuridica.com\/buscador_20179478954\/corteconstitucionalcronologico202454587\/category\/buscar-en-toda-la-corte\/2008\/tutelas-2008\/' title='Tutelas 2008' class='pt-cv-tax-tutelas-2008'>Tutelas 2008<\/a><\/div>\n<h4 class=\"pt-cv-title\"><a href=\"https:\/\/www.dmsjuridica.com\/buscador_20179478954\/corteconstitucionalcronologico202454587\/t-678-08\/\" class=\"_self\" target=\"_self\" >T-678-08<\/a><\/h4>\n<div class=\"pt-cv-content\"> ...<br \/><div class=\"pt-cv-rmwrap\"><a href=\"https:\/\/www.dmsjuridica.com\/buscador_20179478954\/corteconstitucionalcronologico202454587\/t-678-08\/\" class=\"_self pt-cv-readmore btn btn-success\" target=\"_self\">Ver Sentencia Completa...<\/a><\/div><\/div><\/div><\/div>\n<div class=\"col-md-12 col-sm-12 col-xs-12 pt-cv-content-item pt-cv-1-col\" ><div class='pt-cv-ifield'><a href=\"https:\/\/www.dmsjuridica.com\/buscador_20179478954\/corteconstitucionalcronologico202454587\/t-677-08\/\" class=\"_self pt-cv-href-thumbnail pt-cv-thumb-default\" target=\"_self\" ><\/a>\n<div class=\"pt-cv-taxoterm above_title\"><a href='https:\/\/www.dmsjuridica.com\/buscador_20179478954\/corteconstitucionalcronologico202454587\/category\/buscar-en-toda-la-corte\/2008\/tutelas-2008\/' title='Tutelas 2008' class='pt-cv-tax-tutelas-2008'>Tutelas 2008<\/a><\/div>\n<h4 class=\"pt-cv-title\"><a href=\"https:\/\/www.dmsjuridica.com\/buscador_20179478954\/corteconstitucionalcronologico202454587\/t-677-08\/\" class=\"_self\" target=\"_self\" >T-677-08<\/a><\/h4>\n<div class=\"pt-cv-content\">\u00a0 \u00a0 Sentencia T-677\/08 \u00a0 ACCION DE TUTELA CONTRA PROVIDENCIAS JUDICIALES POR VIA DE HECHO-Procedencia excepcional \u00a0 ACCION DE TUTELA CONTRA PROVIDENCIAS JUDICIALES POR VIA DE HECHO-Clases de defectos \u00a0 ACCION DE TUTELA CONTRA PROVIDENCIAS JUDICIALES POR VIA DE HECHO-Improcedencia para el caso \u00a0 Referencia: expediente T-1816109 \u00a0 Acci\u00f3n de tutela instaurada por Nelly del Carmen Mar\u00edn Gil contra la Sala D\u00e9cima Laboral del Tribunal Superior de Distrito Judicial de Medell\u00edn, con vinculaci\u00f3n oficiosa de la Caja Nacional de \u00a0Previsi\u00f3n Social E.P.S, la Caja Nacional de Previsi\u00f3n Social E.I.C.E y el Juzgado Segundo Laboral del Circuito de Medell\u00edn \u00a0 Magistrado ...<br \/><div class=\"pt-cv-rmwrap\"><a href=\"https:\/\/www.dmsjuridica.com\/buscador_20179478954\/corteconstitucionalcronologico202454587\/t-677-08\/\" class=\"_self pt-cv-readmore btn btn-success\" target=\"_self\">Ver Sentencia Completa...<\/a><\/div><\/div><\/div><\/div>\n<div class=\"col-md-12 col-sm-12 col-xs-12 pt-cv-content-item pt-cv-1-col\" ><div class='pt-cv-ifield'><a href=\"https:\/\/www.dmsjuridica.com\/buscador_20179478954\/corteconstitucionalcronologico202454587\/t-676-08\/\" class=\"_self pt-cv-href-thumbnail pt-cv-thumb-default\" target=\"_self\" ><\/a>\n<div class=\"pt-cv-taxoterm above_title\"><a href='https:\/\/www.dmsjuridica.com\/buscador_20179478954\/corteconstitucionalcronologico202454587\/category\/buscar-en-toda-la-corte\/2008\/tutelas-2008\/' title='Tutelas 2008' class='pt-cv-tax-tutelas-2008'>Tutelas 2008<\/a><\/div>\n<h4 class=\"pt-cv-title\"><a href=\"https:\/\/www.dmsjuridica.com\/buscador_20179478954\/corteconstitucionalcronologico202454587\/t-676-08\/\" class=\"_self\" target=\"_self\" >T-676-08<\/a><\/h4>\n<div class=\"pt-cv-content\"> ...<br \/><div class=\"pt-cv-rmwrap\"><a href=\"https:\/\/www.dmsjuridica.com\/buscador_20179478954\/corteconstitucionalcronologico202454587\/t-676-08\/\" class=\"_self pt-cv-readmore btn btn-success\" target=\"_self\">Ver Sentencia Completa...<\/a><\/div><\/div><\/div><\/div>\n<div class=\"col-md-12 col-sm-12 col-xs-12 pt-cv-content-item pt-cv-1-col\" ><div class='pt-cv-ifield'><a href=\"https:\/\/www.dmsjuridica.com\/buscador_20179478954\/corteconstitucionalcronologico202454587\/t-664-08\/\" class=\"_self pt-cv-href-thumbnail pt-cv-thumb-default\" target=\"_self\" ><\/a>\n<div class=\"pt-cv-taxoterm above_title\"><a href='https:\/\/www.dmsjuridica.com\/buscador_20179478954\/corteconstitucionalcronologico202454587\/category\/buscar-en-toda-la-corte\/2008\/tutelas-2008\/' title='Tutelas 2008' class='pt-cv-tax-tutelas-2008'>Tutelas 2008<\/a><\/div>\n<h4 class=\"pt-cv-title\"><a href=\"https:\/\/www.dmsjuridica.com\/buscador_20179478954\/corteconstitucionalcronologico202454587\/t-664-08\/\" class=\"_self\" target=\"_self\" >T-664-08<\/a><\/h4>\n<div class=\"pt-cv-content\">\u00a0 \u00a0 Sentencia T-664\/08 \u00a0 DERECHO AL MINIMO VITAL-Concepto \u00a0 DERECHO AL MINIMO VITAL-Requisitos que deben comprobarse para acreditar vulneraci\u00f3n en un caso concreto de un trabajador o de un pensionado para que se considere amenazado o vulnerado \u00a0 En desarrollo de la anterior l\u00ednea interpretativa, esta Corporaci\u00f3n ha establecido unos requisitos que deben ser verificados en un caso concreto de un trabajador o de un pensionado, para que se considere que el derecho fundamental al m\u00ednimo vital esta siendo objeto de amenaza o vulneraci\u00f3n como son: que \u201c(i) el salario o mesada sea el ingreso exclusivo del trabajador o ...<br \/><div class=\"pt-cv-rmwrap\"><a href=\"https:\/\/www.dmsjuridica.com\/buscador_20179478954\/corteconstitucionalcronologico202454587\/t-664-08\/\" class=\"_self pt-cv-readmore btn btn-success\" target=\"_self\">Ver Sentencia Completa...<\/a><\/div><\/div><\/div><\/div>\n<div class=\"col-md-12 col-sm-12 col-xs-12 pt-cv-content-item pt-cv-1-col\" ><div class='pt-cv-ifield'><a href=\"https:\/\/www.dmsjuridica.com\/buscador_20179478954\/corteconstitucionalcronologico202454587\/t-663-08\/\" class=\"_self pt-cv-href-thumbnail pt-cv-thumb-default\" target=\"_self\" ><\/a>\n<div class=\"pt-cv-taxoterm above_title\"><a href='https:\/\/www.dmsjuridica.com\/buscador_20179478954\/corteconstitucionalcronologico202454587\/category\/buscar-en-toda-la-corte\/2008\/tutelas-2008\/' title='Tutelas 2008' class='pt-cv-tax-tutelas-2008'>Tutelas 2008<\/a><\/div>\n<h4 class=\"pt-cv-title\"><a href=\"https:\/\/www.dmsjuridica.com\/buscador_20179478954\/corteconstitucionalcronologico202454587\/t-663-08\/\" class=\"_self\" target=\"_self\" >T-663-08<\/a><\/h4>\n<div class=\"pt-cv-content\"> ...<br \/><div class=\"pt-cv-rmwrap\"><a href=\"https:\/\/www.dmsjuridica.com\/buscador_20179478954\/corteconstitucionalcronologico202454587\/t-663-08\/\" class=\"_self pt-cv-readmore btn btn-success\" target=\"_self\">Ver Sentencia Completa...<\/a><\/div><\/div><\/div><\/div>\n<div class=\"col-md-12 col-sm-12 col-xs-12 pt-cv-content-item pt-cv-1-col\" ><div class='pt-cv-ifield'><a href=\"https:\/\/www.dmsjuridica.com\/buscador_20179478954\/corteconstitucionalcronologico202454587\/t-662-08\/\" class=\"_self pt-cv-href-thumbnail pt-cv-thumb-default\" target=\"_self\" ><\/a>\n<div class=\"pt-cv-taxoterm above_title\"><a href='https:\/\/www.dmsjuridica.com\/buscador_20179478954\/corteconstitucionalcronologico202454587\/category\/buscar-en-toda-la-corte\/2008\/tutelas-2008\/' title='Tutelas 2008' class='pt-cv-tax-tutelas-2008'>Tutelas 2008<\/a><\/div>\n<h4 class=\"pt-cv-title\"><a href=\"https:\/\/www.dmsjuridica.com\/buscador_20179478954\/corteconstitucionalcronologico202454587\/t-662-08\/\" class=\"_self\" target=\"_self\" >T-662-08<\/a><\/h4>\n<div class=\"pt-cv-content\">\u00a0 \u00a0 SENTENCIA T-662\/08 \u00a0 \u00a0(Julio 1\u00b0 de 2008 ) \u00a0 DERECHO A LA SALUD DE PERSONA DE LA TERCERA EDAD-Fundamental aut\u00f3nomo\u00a0 \u00a0 SISTEMA GENERAL DE SEGURIDAD SOCIAL EN SALUD-Pago de cuotas moderadoras \u00a0 DERECHO A LA SALUD-Casos en que no se exigen copagos ni cuotas moderadoras \u00a0 SISTEMA GENERAL DE SEGURIDAD SOCIAL EN SALUD-Cuotas moderadoras o copagos no pueden convertirse en barreras de acceso al servicio para personas que no tienen recursos econ\u00f3micos \u00a0 SISTEMA DE SEGURIDAD SOCIAL EN SALUD-Exoneraci\u00f3n de pagos compartidos, cuotas moderadoras y copagos \u00a0 DERECHO A LA SALUD-Casos en que no se exige copagos ni ...<br \/><div class=\"pt-cv-rmwrap\"><a href=\"https:\/\/www.dmsjuridica.com\/buscador_20179478954\/corteconstitucionalcronologico202454587\/t-662-08\/\" class=\"_self pt-cv-readmore btn btn-success\" target=\"_self\">Ver Sentencia Completa...<\/a><\/div><\/div><\/div><\/div>\n<div class=\"col-md-12 col-sm-12 col-xs-12 pt-cv-content-item pt-cv-1-col\" ><div class='pt-cv-ifield'><a href=\"https:\/\/www.dmsjuridica.com\/buscador_20179478954\/corteconstitucionalcronologico202454587\/t-661-08\/\" class=\"_self pt-cv-href-thumbnail pt-cv-thumb-default\" target=\"_self\" ><\/a>\n<div class=\"pt-cv-taxoterm above_title\"><a href='https:\/\/www.dmsjuridica.com\/buscador_20179478954\/corteconstitucionalcronologico202454587\/category\/buscar-en-toda-la-corte\/2008\/tutelas-2008\/' title='Tutelas 2008' class='pt-cv-tax-tutelas-2008'>Tutelas 2008<\/a><\/div>\n<h4 class=\"pt-cv-title\"><a href=\"https:\/\/www.dmsjuridica.com\/buscador_20179478954\/corteconstitucionalcronologico202454587\/t-661-08\/\" class=\"_self\" target=\"_self\" >T-661-08<\/a><\/h4>\n<div class=\"pt-cv-content\">\u00a0 \u00a0 SENTENCIA T-661\/08 \u00a0 (Julio 1\u00b0 de 2008.) \u00a0 ACCION DE TUTELA-Procedencia en caso de presentarse controversia por decisiones adoptadas por los \u00f3rganos de direcci\u00f3n y administraci\u00f3n de propiedad horizontal \u00a0 DERECHOS DE PERSONA DE LA TERCERA EDAD-Protecci\u00f3n constitucional especial\u00a0 \u00a0 PROPIEDAD HORIZONTAL-Constituci\u00f3n \u00a0 PROPIEDAD HORIZONTAL-Coexistencia de unidades privadas y comunes\/ASAMBLEA DE COPROPIETARIOS-Facultades \u00a0 ASAMBLEA DE COPROPIETARIOS-L\u00edmites constitucionales y legales \u00a0 CONSEJO DE ADMINISTRACION DE PROPIEDAD HORIZONTAL-L\u00edmites constitucionales y legales \u00a0 CONSEJO DE ADMINISTRACION DE PROPIEDAD HORIZONTAL-Inaplicaci\u00f3n del manual de convivencia cuando contraria la Constituci\u00f3n \u00a0 ACCION DE TUTELA-Administrador de Conjunto residencial debe permitir el ingreso de cami\u00f3n que ...<br \/><div class=\"pt-cv-rmwrap\"><a href=\"https:\/\/www.dmsjuridica.com\/buscador_20179478954\/corteconstitucionalcronologico202454587\/t-661-08\/\" class=\"_self pt-cv-readmore btn btn-success\" target=\"_self\">Ver Sentencia Completa...<\/a><\/div><\/div><\/div><\/div>\n<div class=\"col-md-12 col-sm-12 col-xs-12 pt-cv-content-item pt-cv-1-col\" ><div class='pt-cv-ifield'><a href=\"https:\/\/www.dmsjuridica.com\/buscador_20179478954\/corteconstitucionalcronologico202454587\/t-660-08\/\" class=\"_self pt-cv-href-thumbnail pt-cv-thumb-default\" target=\"_self\" ><\/a>\n<div class=\"pt-cv-taxoterm above_title\"><a href='https:\/\/www.dmsjuridica.com\/buscador_20179478954\/corteconstitucionalcronologico202454587\/category\/buscar-en-toda-la-corte\/2008\/tutelas-2008\/' title='Tutelas 2008' class='pt-cv-tax-tutelas-2008'>Tutelas 2008<\/a><\/div>\n<h4 class=\"pt-cv-title\"><a href=\"https:\/\/www.dmsjuridica.com\/buscador_20179478954\/corteconstitucionalcronologico202454587\/t-660-08\/\" class=\"_self\" target=\"_self\" >T-660-08<\/a><\/h4>\n<div class=\"pt-cv-content\"> ...<br \/><div class=\"pt-cv-rmwrap\"><a href=\"https:\/\/www.dmsjuridica.com\/buscador_20179478954\/corteconstitucionalcronologico202454587\/t-660-08\/\" class=\"_self pt-cv-readmore btn btn-success\" target=\"_self\">Ver Sentencia Completa...<\/a><\/div><\/div><\/div><\/div>\n<div class=\"col-md-12 col-sm-12 col-xs-12 pt-cv-content-item pt-cv-1-col\" ><div class='pt-cv-ifield'><a href=\"https:\/\/www.dmsjuridica.com\/buscador_20179478954\/corteconstitucionalcronologico202454587\/t-659-08\/\" class=\"_self pt-cv-href-thumbnail pt-cv-thumb-default\" target=\"_self\" ><\/a>\n<div class=\"pt-cv-taxoterm above_title\"><a href='https:\/\/www.dmsjuridica.com\/buscador_20179478954\/corteconstitucionalcronologico202454587\/category\/buscar-en-toda-la-corte\/2008\/tutelas-2008\/' title='Tutelas 2008' class='pt-cv-tax-tutelas-2008'>Tutelas 2008<\/a><\/div>\n<h4 class=\"pt-cv-title\"><a href=\"https:\/\/www.dmsjuridica.com\/buscador_20179478954\/corteconstitucionalcronologico202454587\/t-659-08\/\" class=\"_self\" target=\"_self\" >T-659-08<\/a><\/h4>\n<div class=\"pt-cv-content\">\u00a0 \u00a0 Sentencia T-659\/08 \u00a0 DERECHO A LA SALUD-Protecci\u00f3n constitucional \u00a0 DERECHOS SOCIALES, ECONOMICOS Y CULTURALES-Prestacionales y transmutaci\u00f3n hacia un derecho subjetivo \u00a0 DERECHO A LA SALUD-Protecci\u00f3n constitucional como servicio p\u00fablico y como derecho fundamental aut\u00f3nomo\/DERECHO A LA SALUD-Componente preventivo \u00a0 DERECHO A LA SALUD DEL NI\u00d1O-Compromiso por parte del Estado y los \u00f3rganos del sistema de seguridad social de adoptar \u00a0y desarrollar programas de prevenci\u00f3n y educaci\u00f3n para evitar el contagio y difusi\u00f3n de enfermedades \u00a0 De acuerdo al examen hasta ahora realizado, la Sala concluye que, de acuerdo a la normatividad superior, sobre el Estado y los \u00f3rganos ...<br \/><div class=\"pt-cv-rmwrap\"><a href=\"https:\/\/www.dmsjuridica.com\/buscador_20179478954\/corteconstitucionalcronologico202454587\/t-659-08\/\" class=\"_self pt-cv-readmore btn btn-success\" target=\"_self\">Ver Sentencia Completa...<\/a><\/div><\/div><\/div><\/div>\n<div class=\"col-md-12 col-sm-12 col-xs-12 pt-cv-content-item pt-cv-1-col\" ><div class='pt-cv-ifield'><a href=\"https:\/\/www.dmsjuridica.com\/buscador_20179478954\/corteconstitucionalcronologico202454587\/t-658-08\/\" class=\"_self pt-cv-href-thumbnail pt-cv-thumb-default\" target=\"_self\" ><\/a>\n<div class=\"pt-cv-taxoterm above_title\"><a href='https:\/\/www.dmsjuridica.com\/buscador_20179478954\/corteconstitucionalcronologico202454587\/category\/buscar-en-toda-la-corte\/2008\/tutelas-2008\/' title='Tutelas 2008' class='pt-cv-tax-tutelas-2008'>Tutelas 2008<\/a><\/div>\n<h4 class=\"pt-cv-title\"><a href=\"https:\/\/www.dmsjuridica.com\/buscador_20179478954\/corteconstitucionalcronologico202454587\/t-658-08\/\" class=\"_self\" target=\"_self\" >T-658-08<\/a><\/h4>\n<div class=\"pt-cv-content\">\u00a0 \u00a0 Sentencia T-658\/08 \u00a0 PENSION DE INVALIDEZ-Requisito de fidelidad de cotizaci\u00f3n\u00a0 \u00a0 DERECHO A LA SEGURIDAD SOCIAL Y BLOQUE DE CONSTITUCIONALIDAD-La interpretaci\u00f3n del derecho a la seguridad social deber\u00e1 ser realizada de conformidad con los tratados internacionales sobre derechos humanos ratificados por Colombia \u00a0 \u00a0 \u00a0 DERECHO A LA SEGURIDAD SOCIAL-Bloque de constitucionalidad \u00a0 Resulta imperativa la labor de consulta de los los tratados internacionales sobre derechos humanos que permitan avanzar en el esfuerzo de determinaci\u00f3n del aludido derecho \u00a0 DERECHOS ECONOMICOS, SOCIALES Y CULTURALES-M\u00ednimo irreductible que de manera impostergable debe garantizar el estado. Derecho fundamental \u00a0 DERECHO A ...<br \/><div class=\"pt-cv-rmwrap\"><a href=\"https:\/\/www.dmsjuridica.com\/buscador_20179478954\/corteconstitucionalcronologico202454587\/t-658-08\/\" class=\"_self pt-cv-readmore btn btn-success\" target=\"_self\">Ver Sentencia Completa...<\/a><\/div><\/div><\/div><\/div>\n<div class=\"col-md-12 col-sm-12 col-xs-12 pt-cv-content-item pt-cv-1-col\" ><div class='pt-cv-ifield'><a href=\"https:\/\/www.dmsjuridica.com\/buscador_20179478954\/corteconstitucionalcronologico202454587\/t-657-08\/\" class=\"_self pt-cv-href-thumbnail pt-cv-thumb-default\" target=\"_self\" ><\/a>\n<div class=\"pt-cv-taxoterm above_title\"><a href='https:\/\/www.dmsjuridica.com\/buscador_20179478954\/corteconstitucionalcronologico202454587\/category\/buscar-en-toda-la-corte\/2008\/tutelas-2008\/' title='Tutelas 2008' class='pt-cv-tax-tutelas-2008'>Tutelas 2008<\/a><\/div>\n<h4 class=\"pt-cv-title\"><a href=\"https:\/\/www.dmsjuridica.com\/buscador_20179478954\/corteconstitucionalcronologico202454587\/t-657-08\/\" class=\"_self\" target=\"_self\" >T-657-08<\/a><\/h4>\n<div class=\"pt-cv-content\">\u00a0 \u00a0 Sentencia T-657\/08 \u00a0 ESTADO-Protecci\u00f3n personas en circunstancias de debilidad manifiesta \u00a0 DERECHO A LA SEGURIDAD SOCIAL EN SALUD-Doble car\u00e1cter \u00a0 DERECHO A LA SEGURIDAD SOCIAL EN SALUD-Iusfundamental \u00a0 DERECHO A LA SALUD-Doble connotaci\u00f3n \u00a0 DERECHO A LA SALUD Y A LA VIDA DE PERSONA DISCAPACITADA-Alcance \u00a0 DERECHO A LA VIDA DIGNA-Suministro de aparatos ortop\u00e9dicos, sillas de ruedas y pr\u00f3tesis auditivas, peneanas, oculares, mamarias y de extremidades \u00a0superiores e inferiores \u00a0 ENTIDAD PROMOTORA DE SALUD-Suministro de silla de ruedas a persona que padece par\u00e1lisis cerebral esp\u00e1stica, insuficiencia motora de origen central, discapacidad cognitiva y retardo global del desarrollo psicomotor ...<br \/><div class=\"pt-cv-rmwrap\"><a href=\"https:\/\/www.dmsjuridica.com\/buscador_20179478954\/corteconstitucionalcronologico202454587\/t-657-08\/\" class=\"_self pt-cv-readmore btn btn-success\" target=\"_self\">Ver Sentencia Completa...<\/a><\/div><\/div><\/div><\/div>\n<div class=\"col-md-12 col-sm-12 col-xs-12 pt-cv-content-item pt-cv-1-col\" ><div class='pt-cv-ifield'><a href=\"https:\/\/www.dmsjuridica.com\/buscador_20179478954\/corteconstitucionalcronologico202454587\/t-656-08\/\" class=\"_self pt-cv-href-thumbnail pt-cv-thumb-default\" target=\"_self\" ><\/a>\n<div class=\"pt-cv-taxoterm above_title\"><a href='https:\/\/www.dmsjuridica.com\/buscador_20179478954\/corteconstitucionalcronologico202454587\/category\/buscar-en-toda-la-corte\/2008\/tutelas-2008\/' title='Tutelas 2008' class='pt-cv-tax-tutelas-2008'>Tutelas 2008<\/a><\/div>\n<h4 class=\"pt-cv-title\"><a href=\"https:\/\/www.dmsjuridica.com\/buscador_20179478954\/corteconstitucionalcronologico202454587\/t-656-08\/\" class=\"_self\" target=\"_self\" >T-656-08<\/a><\/h4>\n<div class=\"pt-cv-content\"> ...<br \/><div class=\"pt-cv-rmwrap\"><a href=\"https:\/\/www.dmsjuridica.com\/buscador_20179478954\/corteconstitucionalcronologico202454587\/t-656-08\/\" class=\"_self pt-cv-readmore btn btn-success\" target=\"_self\">Ver Sentencia Completa...<\/a><\/div><\/div><\/div><\/div>\n<div class=\"col-md-12 col-sm-12 col-xs-12 pt-cv-content-item pt-cv-1-col\" ><div class='pt-cv-ifield'><a href=\"https:\/\/www.dmsjuridica.com\/buscador_20179478954\/corteconstitucionalcronologico202454587\/t-655-08\/\" class=\"_self pt-cv-href-thumbnail pt-cv-thumb-default\" target=\"_self\" ><\/a>\n<div class=\"pt-cv-taxoterm above_title\"><a href='https:\/\/www.dmsjuridica.com\/buscador_20179478954\/corteconstitucionalcronologico202454587\/category\/buscar-en-toda-la-corte\/2008\/tutelas-2008\/' title='Tutelas 2008' class='pt-cv-tax-tutelas-2008'>Tutelas 2008<\/a><\/div>\n<h4 class=\"pt-cv-title\"><a href=\"https:\/\/www.dmsjuridica.com\/buscador_20179478954\/corteconstitucionalcronologico202454587\/t-655-08\/\" class=\"_self\" target=\"_self\" >T-655-08<\/a><\/h4>\n<div class=\"pt-cv-content\"> ...<br \/><div class=\"pt-cv-rmwrap\"><a href=\"https:\/\/www.dmsjuridica.com\/buscador_20179478954\/corteconstitucionalcronologico202454587\/t-655-08\/\" class=\"_self pt-cv-readmore btn btn-success\" target=\"_self\">Ver Sentencia Completa...<\/a><\/div><\/div><\/div><\/div>\n<div class=\"col-md-12 col-sm-12 col-xs-12 pt-cv-content-item pt-cv-1-col\" ><div class='pt-cv-ifield'><a href=\"https:\/\/www.dmsjuridica.com\/buscador_20179478954\/corteconstitucionalcronologico202454587\/t-654-08\/\" class=\"_self pt-cv-href-thumbnail pt-cv-thumb-default\" target=\"_self\" ><\/a>\n<div class=\"pt-cv-taxoterm above_title\"><a href='https:\/\/www.dmsjuridica.com\/buscador_20179478954\/corteconstitucionalcronologico202454587\/category\/buscar-en-toda-la-corte\/2008\/tutelas-2008\/' title='Tutelas 2008' class='pt-cv-tax-tutelas-2008'>Tutelas 2008<\/a><\/div>\n<h4 class=\"pt-cv-title\"><a href=\"https:\/\/www.dmsjuridica.com\/buscador_20179478954\/corteconstitucionalcronologico202454587\/t-654-08\/\" class=\"_self\" target=\"_self\" >T-654-08<\/a><\/h4>\n<div class=\"pt-cv-content\">\u00a0 \u00a0 Sentencia T-654\/08 \u00a0 DERECHO A LA SALUD-Miopatia inflamatoria muscular\u00a0 \u00a0 DERECHO A LA SALUD-Responsabilidad de las Entidades Promotoras de Salud -EPS- frente a la prestaci\u00f3n de servicios de salud no contemplados en el Plan Obligatorio de Salud -POS-, cuando su afiliado tiene contratado un Plan Adicional de Salud -PAS- \u00a0 DERECHO A LA SALUD-Integraci\u00f3n de los contratos de medicina prepagada al Sistema General de Seguridad Social en Salud y su interpretaci\u00f3n a la luz de las normas constitucionales \u00a0 SISTEMA GENERAL DE SEGURIDAD SOCIAL EN SALUD, SGSSS-Compuesto por las Entidades Promotoras de Salud y las Instituciones Prestadoras de ...<br \/><div class=\"pt-cv-rmwrap\"><a href=\"https:\/\/www.dmsjuridica.com\/buscador_20179478954\/corteconstitucionalcronologico202454587\/t-654-08\/\" class=\"_self pt-cv-readmore btn btn-success\" target=\"_self\">Ver Sentencia Completa...<\/a><\/div><\/div><\/div><\/div>\n<div class=\"col-md-12 col-sm-12 col-xs-12 pt-cv-content-item pt-cv-1-col\" ><div class='pt-cv-ifield'><a href=\"https:\/\/www.dmsjuridica.com\/buscador_20179478954\/corteconstitucionalcronologico202454587\/t-653-08\/\" class=\"_self pt-cv-href-thumbnail pt-cv-thumb-default\" target=\"_self\" ><\/a>\n<div class=\"pt-cv-taxoterm above_title\"><a href='https:\/\/www.dmsjuridica.com\/buscador_20179478954\/corteconstitucionalcronologico202454587\/category\/buscar-en-toda-la-corte\/2008\/tutelas-2008\/' title='Tutelas 2008' class='pt-cv-tax-tutelas-2008'>Tutelas 2008<\/a><\/div>\n<h4 class=\"pt-cv-title\"><a href=\"https:\/\/www.dmsjuridica.com\/buscador_20179478954\/corteconstitucionalcronologico202454587\/t-653-08\/\" class=\"_self\" target=\"_self\" >T-653-08<\/a><\/h4>\n<div class=\"pt-cv-content\"> ...<br \/><div class=\"pt-cv-rmwrap\"><a href=\"https:\/\/www.dmsjuridica.com\/buscador_20179478954\/corteconstitucionalcronologico202454587\/t-653-08\/\" class=\"_self pt-cv-readmore btn btn-success\" target=\"_self\">Ver Sentencia Completa...<\/a><\/div><\/div><\/div><\/div>\n<div class=\"col-md-12 col-sm-12 col-xs-12 pt-cv-content-item pt-cv-1-col\" ><div class='pt-cv-ifield'><a href=\"https:\/\/www.dmsjuridica.com\/buscador_20179478954\/corteconstitucionalcronologico202454587\/t-652-08\/\" class=\"_self pt-cv-href-thumbnail pt-cv-thumb-default\" target=\"_self\" ><\/a>\n<div class=\"pt-cv-taxoterm above_title\"><a href='https:\/\/www.dmsjuridica.com\/buscador_20179478954\/corteconstitucionalcronologico202454587\/category\/buscar-en-toda-la-corte\/2008\/tutelas-2008\/' title='Tutelas 2008' class='pt-cv-tax-tutelas-2008'>Tutelas 2008<\/a><\/div>\n<h4 class=\"pt-cv-title\"><a href=\"https:\/\/www.dmsjuridica.com\/buscador_20179478954\/corteconstitucionalcronologico202454587\/t-652-08\/\" class=\"_self\" target=\"_self\" >T-652-08<\/a><\/h4>\n<div class=\"pt-cv-content\"> ...<br \/><div class=\"pt-cv-rmwrap\"><a href=\"https:\/\/www.dmsjuridica.com\/buscador_20179478954\/corteconstitucionalcronologico202454587\/t-652-08\/\" class=\"_self pt-cv-readmore btn btn-success\" target=\"_self\">Ver Sentencia Completa...<\/a><\/div><\/div><\/div><\/div>\n<div class=\"col-md-12 col-sm-12 col-xs-12 pt-cv-content-item pt-cv-1-col\" ><div class='pt-cv-ifield'><a href=\"https:\/\/www.dmsjuridica.com\/buscador_20179478954\/corteconstitucionalcronologico202454587\/t-651-08\/\" class=\"_self pt-cv-href-thumbnail pt-cv-thumb-default\" target=\"_self\" ><\/a>\n<div class=\"pt-cv-taxoterm above_title\"><a href='https:\/\/www.dmsjuridica.com\/buscador_20179478954\/corteconstitucionalcronologico202454587\/category\/buscar-en-toda-la-corte\/2008\/tutelas-2008\/' title='Tutelas 2008' class='pt-cv-tax-tutelas-2008'>Tutelas 2008<\/a><\/div>\n<h4 class=\"pt-cv-title\"><a href=\"https:\/\/www.dmsjuridica.com\/buscador_20179478954\/corteconstitucionalcronologico202454587\/t-651-08\/\" class=\"_self\" target=\"_self\" >T-651-08<\/a><\/h4>\n<div class=\"pt-cv-content\">\u00a0 \u00a0 Sentencia T-651\/08 \u00a0 DERECHO AL MINIMO VITAL-Contenido y alcance \u00a0 ACCION DE TUTELA-Procedencia excepcional pago de honorarios derivados de un contrato de prestaci\u00f3n de servicios \u00a0 DERECHO AL MINIMO VITAL EN CONTRATO DE PRESTACION DE SERVICIOS-Exige un mayor an\u00e1lisis por parte del Juez de Tutela \u00a0 DERECHO AL MINIMO VITAL DEL TRABAJADOR-Vulneraci\u00f3n por no cancelaci\u00f3n de honorarios \u00a0 MINIMO VITAL-Compuesto por aquellos requerimientos b\u00e1sicos indispensables para asegurar la digna subsistencia de la persona y de su familia, especialmente en lo relacionado con su alimentaci\u00f3n, vestido, educaci\u00f3n, vivienda y seguridad social \u00a0 MINIMO VITAL-Requerimientos b\u00e1sicos indispensables para asegurar la ...<br \/><div class=\"pt-cv-rmwrap\"><a href=\"https:\/\/www.dmsjuridica.com\/buscador_20179478954\/corteconstitucionalcronologico202454587\/t-651-08\/\" class=\"_self pt-cv-readmore btn btn-success\" target=\"_self\">Ver Sentencia Completa...<\/a><\/div><\/div><\/div><\/div>\n<div class=\"col-md-12 col-sm-12 col-xs-12 pt-cv-content-item pt-cv-1-col\" ><div class='pt-cv-ifield'><a href=\"https:\/\/www.dmsjuridica.com\/buscador_20179478954\/corteconstitucionalcronologico202454587\/t-650-08\/\" class=\"_self pt-cv-href-thumbnail pt-cv-thumb-default\" target=\"_self\" ><\/a>\n<div class=\"pt-cv-taxoterm above_title\"><a href='https:\/\/www.dmsjuridica.com\/buscador_20179478954\/corteconstitucionalcronologico202454587\/category\/buscar-en-toda-la-corte\/2008\/tutelas-2008\/' title='Tutelas 2008' class='pt-cv-tax-tutelas-2008'>Tutelas 2008<\/a><\/div>\n<h4 class=\"pt-cv-title\"><a href=\"https:\/\/www.dmsjuridica.com\/buscador_20179478954\/corteconstitucionalcronologico202454587\/t-650-08\/\" class=\"_self\" target=\"_self\" >T-650-08<\/a><\/h4>\n<div class=\"pt-cv-content\"> ...<br \/><div class=\"pt-cv-rmwrap\"><a href=\"https:\/\/www.dmsjuridica.com\/buscador_20179478954\/corteconstitucionalcronologico202454587\/t-650-08\/\" class=\"_self pt-cv-readmore btn btn-success\" target=\"_self\">Ver Sentencia Completa...<\/a><\/div><\/div><\/div><\/div>\n<div class=\"col-md-12 col-sm-12 col-xs-12 pt-cv-content-item pt-cv-1-col\" ><div class='pt-cv-ifield'><a href=\"https:\/\/www.dmsjuridica.com\/buscador_20179478954\/corteconstitucionalcronologico202454587\/t-649-08\/\" class=\"_self pt-cv-href-thumbnail pt-cv-thumb-default\" target=\"_self\" ><\/a>\n<div class=\"pt-cv-taxoterm above_title\"><a href='https:\/\/www.dmsjuridica.com\/buscador_20179478954\/corteconstitucionalcronologico202454587\/category\/buscar-en-toda-la-corte\/2008\/tutelas-2008\/' title='Tutelas 2008' class='pt-cv-tax-tutelas-2008'>Tutelas 2008<\/a><\/div>\n<h4 class=\"pt-cv-title\"><a href=\"https:\/\/www.dmsjuridica.com\/buscador_20179478954\/corteconstitucionalcronologico202454587\/t-649-08\/\" class=\"_self\" target=\"_self\" >T-649-08<\/a><\/h4>\n<div class=\"pt-cv-content\">\u00a0 \u00a0 Sentencia T-649\/08 \u00a0 DERECHO A LA SALUD-Instrumentos internacionales de protecci\u00f3n \u00a0 DERECHO A LA SALUD-Implica una acci\u00f3n de conservaci\u00f3n y otra de restablecimiento \u00a0 DERECHO A LA SALUD-Fundamentalidad no puede depender de la manera como se hacen efectivos en la pr\u00e1ctica \u00a0 DERECHO FUNDAMENTAL A LA SALUD-Debe ser considerado como un derecho fundamental aut\u00f3nomo y en consecuencia es obligaci\u00f3n de las entidades prestadoras del servicio de salud, garantizarlo desde el punto de vista material \u00a0 DERECHO FUNDAMENTAL A LA SALUD-Caracter\u00edsticas \u00a0 Para la Corte todas las personas sin excepci\u00f3n alguna, pueden acudir a la acci\u00f3n de tutela para ...<br \/><div class=\"pt-cv-rmwrap\"><a href=\"https:\/\/www.dmsjuridica.com\/buscador_20179478954\/corteconstitucionalcronologico202454587\/t-649-08\/\" class=\"_self pt-cv-readmore btn btn-success\" target=\"_self\">Ver Sentencia Completa...<\/a><\/div><\/div><\/div><\/div>\n<div class=\"col-md-12 col-sm-12 col-xs-12 pt-cv-content-item pt-cv-1-col\" ><div class='pt-cv-ifield'><a href=\"https:\/\/www.dmsjuridica.com\/buscador_20179478954\/corteconstitucionalcronologico202454587\/t-648-08\/\" class=\"_self pt-cv-href-thumbnail pt-cv-thumb-default\" target=\"_self\" ><\/a>\n<div class=\"pt-cv-taxoterm above_title\"><a href='https:\/\/www.dmsjuridica.com\/buscador_20179478954\/corteconstitucionalcronologico202454587\/category\/buscar-en-toda-la-corte\/2008\/tutelas-2008\/' title='Tutelas 2008' class='pt-cv-tax-tutelas-2008'>Tutelas 2008<\/a><\/div>\n<h4 class=\"pt-cv-title\"><a href=\"https:\/\/www.dmsjuridica.com\/buscador_20179478954\/corteconstitucionalcronologico202454587\/t-648-08\/\" class=\"_self\" target=\"_self\" >T-648-08<\/a><\/h4>\n<div class=\"pt-cv-content\"> ...<br \/><div class=\"pt-cv-rmwrap\"><a href=\"https:\/\/www.dmsjuridica.com\/buscador_20179478954\/corteconstitucionalcronologico202454587\/t-648-08\/\" class=\"_self pt-cv-readmore btn btn-success\" target=\"_self\">Ver Sentencia Completa...<\/a><\/div><\/div><\/div><\/div>\n<div class=\"col-md-12 col-sm-12 col-xs-12 pt-cv-content-item pt-cv-1-col\" ><div class='pt-cv-ifield'><a href=\"https:\/\/www.dmsjuridica.com\/buscador_20179478954\/corteconstitucionalcronologico202454587\/t-647-08\/\" class=\"_self pt-cv-href-thumbnail pt-cv-thumb-default\" target=\"_self\" ><\/a>\n<div class=\"pt-cv-taxoterm above_title\"><a href='https:\/\/www.dmsjuridica.com\/buscador_20179478954\/corteconstitucionalcronologico202454587\/category\/buscar-en-toda-la-corte\/2008\/tutelas-2008\/' title='Tutelas 2008' class='pt-cv-tax-tutelas-2008'>Tutelas 2008<\/a><\/div>\n<h4 class=\"pt-cv-title\"><a href=\"https:\/\/www.dmsjuridica.com\/buscador_20179478954\/corteconstitucionalcronologico202454587\/t-647-08\/\" class=\"_self\" target=\"_self\" >T-647-08<\/a><\/h4>\n<div class=\"pt-cv-content\">\u00a0 \u00a0 Sentencia T-647\/08 \u00a0 AGENCIA OFICIOSA EN TUTELA-El afectado no est\u00e1 en condiciones de promover su propia defensa \u00a0 AGENCIA OFICIOSA EN TUTELA-Deber de manifestar en la solicitud de tutela que el afectado no est\u00e1 en condiciones de promover su propia defensa \u00a0 AGENCIA OFICIOSA EN TUTELA-Si se trata de agenciar derechos de menores de edad, no se aplica el mismo rigor procesal\u00a0 \u00a0 La Corte ha reiterado que la presentaci\u00f3n de la solicitud de amparo a trav\u00e9s de agente oficioso, tiene lugar cuando: (i) el agente oficioso manifiesta actuar en tal sentido; y, (ii) de los hechos y ...<br \/><div class=\"pt-cv-rmwrap\"><a href=\"https:\/\/www.dmsjuridica.com\/buscador_20179478954\/corteconstitucionalcronologico202454587\/t-647-08\/\" class=\"_self pt-cv-readmore btn btn-success\" target=\"_self\">Ver Sentencia Completa...<\/a><\/div><\/div><\/div><\/div>\n<div class=\"col-md-12 col-sm-12 col-xs-12 pt-cv-content-item pt-cv-1-col\" ><div class='pt-cv-ifield'><a href=\"https:\/\/www.dmsjuridica.com\/buscador_20179478954\/corteconstitucionalcronologico202454587\/t-646-08\/\" class=\"_self pt-cv-href-thumbnail pt-cv-thumb-default\" target=\"_self\" ><\/a>\n<div class=\"pt-cv-taxoterm above_title\"><a href='https:\/\/www.dmsjuridica.com\/buscador_20179478954\/corteconstitucionalcronologico202454587\/category\/buscar-en-toda-la-corte\/2008\/tutelas-2008\/' title='Tutelas 2008' class='pt-cv-tax-tutelas-2008'>Tutelas 2008<\/a><\/div>\n<h4 class=\"pt-cv-title\"><a href=\"https:\/\/www.dmsjuridica.com\/buscador_20179478954\/corteconstitucionalcronologico202454587\/t-646-08\/\" class=\"_self\" target=\"_self\" >T-646-08<\/a><\/h4>\n<div class=\"pt-cv-content\"> ...<br \/><div class=\"pt-cv-rmwrap\"><a href=\"https:\/\/www.dmsjuridica.com\/buscador_20179478954\/corteconstitucionalcronologico202454587\/t-646-08\/\" class=\"_self pt-cv-readmore btn btn-success\" target=\"_self\">Ver Sentencia Completa...<\/a><\/div><\/div><\/div><\/div>\n<div class=\"col-md-12 col-sm-12 col-xs-12 pt-cv-content-item pt-cv-1-col\" ><div class='pt-cv-ifield'><a href=\"https:\/\/www.dmsjuridica.com\/buscador_20179478954\/corteconstitucionalcronologico202454587\/t-645-08\/\" class=\"_self pt-cv-href-thumbnail pt-cv-thumb-default\" target=\"_self\" ><\/a>\n<div class=\"pt-cv-taxoterm above_title\"><a href='https:\/\/www.dmsjuridica.com\/buscador_20179478954\/corteconstitucionalcronologico202454587\/category\/buscar-en-toda-la-corte\/2008\/tutelas-2008\/' title='Tutelas 2008' class='pt-cv-tax-tutelas-2008'>Tutelas 2008<\/a><\/div>\n<h4 class=\"pt-cv-title\"><a href=\"https:\/\/www.dmsjuridica.com\/buscador_20179478954\/corteconstitucionalcronologico202454587\/t-645-08\/\" class=\"_self\" target=\"_self\" >T-645-08<\/a><\/h4>\n<div class=\"pt-cv-content\">\u00a0 \u00a0 Sentencia T-645\/08 \u00a0 JUEZ DE TUTELA-Deber de apreciar en concreto, en cuanto su eficacia, la idoneidad de los mecanismos para restablecer los derechos fundamentales quebrantados \u00a0 DERECHO A LA PENSION DE SOBREVIVIENTE DEL CONYUGE E HIJOS MENORES O IMPEDIDOS DEL TRABAJADOR FALLECIDO-Falta de mecanismo judicial id\u00f3neo \u00a0 MINIMO VITAL-Se encuentra vulnerado frente a la inexistencia de una fuente de recursos que le permita al actor solventar sus necesidades b\u00e1sicas \u00a0 SUJETOS DE ESPECIAL PROTECCION CONSTITUCIONAL QUE SE ENCUENTRAN EN UN ESTADO DE DEBILIDAD MANIFIESTA-Situaciones en que la grave situaci\u00f3n que afronta el sujeto perjudicado lo libera de responsabilidad ...<br \/><div class=\"pt-cv-rmwrap\"><a href=\"https:\/\/www.dmsjuridica.com\/buscador_20179478954\/corteconstitucionalcronologico202454587\/t-645-08\/\" class=\"_self pt-cv-readmore btn btn-success\" target=\"_self\">Ver Sentencia Completa...<\/a><\/div><\/div><\/div><\/div>\n<div class=\"col-md-12 col-sm-12 col-xs-12 pt-cv-content-item pt-cv-1-col\" ><div class='pt-cv-ifield'><a href=\"https:\/\/www.dmsjuridica.com\/buscador_20179478954\/corteconstitucionalcronologico202454587\/t-644-08\/\" class=\"_self pt-cv-href-thumbnail pt-cv-thumb-default\" target=\"_self\" ><\/a>\n<div class=\"pt-cv-taxoterm above_title\"><a href='https:\/\/www.dmsjuridica.com\/buscador_20179478954\/corteconstitucionalcronologico202454587\/category\/buscar-en-toda-la-corte\/2008\/tutelas-2008\/' title='Tutelas 2008' class='pt-cv-tax-tutelas-2008'>Tutelas 2008<\/a><\/div>\n<h4 class=\"pt-cv-title\"><a href=\"https:\/\/www.dmsjuridica.com\/buscador_20179478954\/corteconstitucionalcronologico202454587\/t-644-08\/\" class=\"_self\" target=\"_self\" >T-644-08<\/a><\/h4>\n<div class=\"pt-cv-content\">\u00a0 \u00a0 Sentencia T-644\/08 \u00a0 DERECHO A LA SALUD DEL MENOR-Cirug\u00eda correctiva de implantaci\u00f3n de barra de nuss para toracoscopia\u00a0 \u00a0 PRUEBA TELEFONICA EN LA FUNCION DE REVISION DE SENTENCIAS DE TUTELA-Pertinente para lograr una protecci\u00f3n efectiva de los derechos fundamentales, especialmente cuando se trata de personas vulnerables y\/o sujetos de especial protecci\u00f3n constitucional \u00a0 PRUEBA TELEFONICA EN LA FUNCION DE REVISION DE SENTENCIAS DE TUTELA-Encuentra pleno sustento en los principios de celeridad, eficacia, oficiosidad e informalidad que gu\u00edan la actuaci\u00f3n del juez de tutela \u00a0 ACCION DE TUTELA TEMERARIA-Configuraci\u00f3n\u00a0 \u00a0 Se trata de una norma que se funda en ...<br \/><div class=\"pt-cv-rmwrap\"><a href=\"https:\/\/www.dmsjuridica.com\/buscador_20179478954\/corteconstitucionalcronologico202454587\/t-644-08\/\" class=\"_self pt-cv-readmore btn btn-success\" target=\"_self\">Ver Sentencia Completa...<\/a><\/div><\/div><\/div><\/div>\n<div class=\"col-md-12 col-sm-12 col-xs-12 pt-cv-content-item pt-cv-1-col\" ><div class='pt-cv-ifield'><a href=\"https:\/\/www.dmsjuridica.com\/buscador_20179478954\/corteconstitucionalcronologico202454587\/t-643-08\/\" class=\"_self pt-cv-href-thumbnail pt-cv-thumb-default\" target=\"_self\" ><\/a>\n<div class=\"pt-cv-taxoterm above_title\"><a href='https:\/\/www.dmsjuridica.com\/buscador_20179478954\/corteconstitucionalcronologico202454587\/category\/buscar-en-toda-la-corte\/2008\/tutelas-2008\/' title='Tutelas 2008' class='pt-cv-tax-tutelas-2008'>Tutelas 2008<\/a><\/div>\n<h4 class=\"pt-cv-title\"><a href=\"https:\/\/www.dmsjuridica.com\/buscador_20179478954\/corteconstitucionalcronologico202454587\/t-643-08\/\" class=\"_self\" target=\"_self\" >T-643-08<\/a><\/h4>\n<div class=\"pt-cv-content\">\u00a0 \u00a0 Sentencia T-643\/08 \u00a0 ACCION DE TUTELA-Car\u00e1cter subsidiario y residual \u00a0 ACCION DE TUTELA-Competencia de la jurisdicci\u00f3n contenciosa para resolver los conflictos administrativos de car\u00e1cter laboral para proteger derechos fundamentales \u00a0 ACCION DE TUTELA-No procede porque la actora se encuentra vinculada a la administraci\u00f3n y en condiciones de plantear el restablecimiento de sus derechos ante la accionada o ante la jurisdicci\u00f3n \u00a0 \u00a0 Referencia: expediente T-1.831.356 \u00a0 Acci\u00f3n de tutela instaurada por Alba Luz Chavarro Rojas contra la Caja Nacional de Previsi\u00f3n Social\u00a0 \u00a0 Dr. JAIME C\u00d3RDOBA TRIVI\u00d1O\u00a0 \u00a0 Bogot\u00e1, D. C., primero (1\u00b0) de julio de dos mil ...<br \/><div class=\"pt-cv-rmwrap\"><a href=\"https:\/\/www.dmsjuridica.com\/buscador_20179478954\/corteconstitucionalcronologico202454587\/t-643-08\/\" class=\"_self pt-cv-readmore btn btn-success\" target=\"_self\">Ver Sentencia Completa...<\/a><\/div><\/div><\/div><\/div>\n<div class=\"col-md-12 col-sm-12 col-xs-12 pt-cv-content-item pt-cv-1-col\" ><div class='pt-cv-ifield'><a href=\"https:\/\/www.dmsjuridica.com\/buscador_20179478954\/corteconstitucionalcronologico202454587\/t-642-08\/\" class=\"_self pt-cv-href-thumbnail pt-cv-thumb-default\" target=\"_self\" ><\/a>\n<div class=\"pt-cv-taxoterm above_title\"><a href='https:\/\/www.dmsjuridica.com\/buscador_20179478954\/corteconstitucionalcronologico202454587\/category\/buscar-en-toda-la-corte\/2008\/tutelas-2008\/' title='Tutelas 2008' class='pt-cv-tax-tutelas-2008'>Tutelas 2008<\/a><\/div>\n<h4 class=\"pt-cv-title\"><a href=\"https:\/\/www.dmsjuridica.com\/buscador_20179478954\/corteconstitucionalcronologico202454587\/t-642-08\/\" class=\"_self\" target=\"_self\" >T-642-08<\/a><\/h4>\n<div class=\"pt-cv-content\"> ...<br \/><div class=\"pt-cv-rmwrap\"><a href=\"https:\/\/www.dmsjuridica.com\/buscador_20179478954\/corteconstitucionalcronologico202454587\/t-642-08\/\" class=\"_self pt-cv-readmore btn btn-success\" target=\"_self\">Ver Sentencia Completa...<\/a><\/div><\/div><\/div><\/div>\n<div class=\"col-md-12 col-sm-12 col-xs-12 pt-cv-content-item pt-cv-1-col\" ><div class='pt-cv-ifield'><a href=\"https:\/\/www.dmsjuridica.com\/buscador_20179478954\/corteconstitucionalcronologico202454587\/t-641-08\/\" class=\"_self pt-cv-href-thumbnail pt-cv-thumb-default\" target=\"_self\" ><\/a>\n<div class=\"pt-cv-taxoterm above_title\"><a href='https:\/\/www.dmsjuridica.com\/buscador_20179478954\/corteconstitucionalcronologico202454587\/category\/buscar-en-toda-la-corte\/2008\/tutelas-2008\/' title='Tutelas 2008' class='pt-cv-tax-tutelas-2008'>Tutelas 2008<\/a><\/div>\n<h4 class=\"pt-cv-title\"><a href=\"https:\/\/www.dmsjuridica.com\/buscador_20179478954\/corteconstitucionalcronologico202454587\/t-641-08\/\" class=\"_self\" target=\"_self\" >T-641-08<\/a><\/h4>\n<div class=\"pt-cv-content\"> ...<br \/><div class=\"pt-cv-rmwrap\"><a href=\"https:\/\/www.dmsjuridica.com\/buscador_20179478954\/corteconstitucionalcronologico202454587\/t-641-08\/\" class=\"_self pt-cv-readmore btn btn-success\" target=\"_self\">Ver Sentencia Completa...<\/a><\/div><\/div><\/div><\/div>\n<div class=\"col-md-12 col-sm-12 col-xs-12 pt-cv-content-item pt-cv-1-col\" ><div class='pt-cv-ifield'><a href=\"https:\/\/www.dmsjuridica.com\/buscador_20179478954\/corteconstitucionalcronologico202454587\/t-640-08\/\" class=\"_self pt-cv-href-thumbnail pt-cv-thumb-default\" target=\"_self\" ><\/a>\n<div class=\"pt-cv-taxoterm above_title\"><a href='https:\/\/www.dmsjuridica.com\/buscador_20179478954\/corteconstitucionalcronologico202454587\/category\/buscar-en-toda-la-corte\/2008\/tutelas-2008\/' title='Tutelas 2008' class='pt-cv-tax-tutelas-2008'>Tutelas 2008<\/a><\/div>\n<h4 class=\"pt-cv-title\"><a href=\"https:\/\/www.dmsjuridica.com\/buscador_20179478954\/corteconstitucionalcronologico202454587\/t-640-08\/\" class=\"_self\" target=\"_self\" >T-640-08<\/a><\/h4>\n<div class=\"pt-cv-content\">\u00a0 \u00a0 Sentencia T-640\/08 \u00a0 ACCION DE TUTELA-Procedencia excepcional para reconocimiento de pensi\u00f3n de vejez \u00a0 DERECHO A LA PENSION DE VEJEZ-Car\u00e1cter constitucional \u00a0 ACCION DE TUTELA-Reconocimiento de la pensi\u00f3n al actor por cumplir con los requisitos de tiempo y edad y no ser eficaz el otro medio de defensa judicial \u00a0 Acci\u00f3n de tutela instaurada por el se\u00f1or Juan Bautista Rold\u00e1n Zapata contra el Instituto de Seguro Social, seccional Valle del Cauca. \u00a0 Procedencia: Juzgado S\u00e9ptimo Laboral del Circuito de Cali. \u00a0 Magistrado Ponente:\u00a0 \u00a0 Dr. NILSON PINILLA PINILLA \u00a0 Bogot\u00e1, D. C., veintis\u00e9is (26) de junio de dos ...<br \/><div class=\"pt-cv-rmwrap\"><a href=\"https:\/\/www.dmsjuridica.com\/buscador_20179478954\/corteconstitucionalcronologico202454587\/t-640-08\/\" class=\"_self pt-cv-readmore btn btn-success\" target=\"_self\">Ver Sentencia Completa...<\/a><\/div><\/div><\/div><\/div>\n<div class=\"col-md-12 col-sm-12 col-xs-12 pt-cv-content-item pt-cv-1-col\" ><div class='pt-cv-ifield'><a href=\"https:\/\/www.dmsjuridica.com\/buscador_20179478954\/corteconstitucionalcronologico202454587\/t-639-08\/\" class=\"_self pt-cv-href-thumbnail pt-cv-thumb-default\" target=\"_self\" ><\/a>\n<div class=\"pt-cv-taxoterm above_title\"><a href='https:\/\/www.dmsjuridica.com\/buscador_20179478954\/corteconstitucionalcronologico202454587\/category\/buscar-en-toda-la-corte\/2008\/tutelas-2008\/' title='Tutelas 2008' class='pt-cv-tax-tutelas-2008'>Tutelas 2008<\/a><\/div>\n<h4 class=\"pt-cv-title\"><a href=\"https:\/\/www.dmsjuridica.com\/buscador_20179478954\/corteconstitucionalcronologico202454587\/t-639-08\/\" class=\"_self\" target=\"_self\" >T-639-08<\/a><\/h4>\n<div class=\"pt-cv-content\"> ...<br \/><div class=\"pt-cv-rmwrap\"><a href=\"https:\/\/www.dmsjuridica.com\/buscador_20179478954\/corteconstitucionalcronologico202454587\/t-639-08\/\" class=\"_self pt-cv-readmore btn btn-success\" target=\"_self\">Ver Sentencia Completa...<\/a><\/div><\/div><\/div><\/div>\n<div class=\"col-md-12 col-sm-12 col-xs-12 pt-cv-content-item pt-cv-1-col\" ><div class='pt-cv-ifield'><a href=\"https:\/\/www.dmsjuridica.com\/buscador_20179478954\/corteconstitucionalcronologico202454587\/t-638-08\/\" class=\"_self pt-cv-href-thumbnail pt-cv-thumb-default\" target=\"_self\" ><\/a>\n<div class=\"pt-cv-taxoterm above_title\"><a href='https:\/\/www.dmsjuridica.com\/buscador_20179478954\/corteconstitucionalcronologico202454587\/category\/buscar-en-toda-la-corte\/2008\/tutelas-2008\/' title='Tutelas 2008' class='pt-cv-tax-tutelas-2008'>Tutelas 2008<\/a><\/div>\n<h4 class=\"pt-cv-title\"><a href=\"https:\/\/www.dmsjuridica.com\/buscador_20179478954\/corteconstitucionalcronologico202454587\/t-638-08\/\" class=\"_self\" target=\"_self\" >T-638-08<\/a><\/h4>\n<div class=\"pt-cv-content\">MUJER EMBARAZADA-Protecci\u00f3n constitucional especial \u00a0 LICENCIA DE MATERNIDAD-Reiteraci\u00f3n de jurisprudencia sobre reconocimiento y pago \u00a0 DEBERES DEL EMPLEADOR-Afiliar a sus trabajadores al sistema de seguridad social \u00a0 CONTRATO DE PRESTACION DE SERVICIOS CON EL ESTADO-Concepto \u00a0 CONTRATO DE PRESTACION DE SERVICIOS CON EL ESTADO-Finalidad \u00a0 CONTRATO DE PRESTACION DE SERVICIOS CON EL ESTADO-Celebraci\u00f3n con personas naturales o jur\u00eddicas para administraci\u00f3n o funcionamiento \u00a0 CONTRATO DE PRESTACION DE SERVICIOS CON EL ESTADO-Celebraci\u00f3n con personas naturales cuando no puedan realizarse con personal de planta o requieran conocimientos especializados \u00a0 CONTRATO DE PRESTACION DE SERVICIOS CON EL ESTADO-Deberes del contratista de afiliarse al ...<br \/><div class=\"pt-cv-rmwrap\"><a href=\"https:\/\/www.dmsjuridica.com\/buscador_20179478954\/corteconstitucionalcronologico202454587\/t-638-08\/\" class=\"_self pt-cv-readmore btn btn-success\" target=\"_self\">Ver Sentencia Completa...<\/a><\/div><\/div><\/div><\/div>\n<div class=\"col-md-12 col-sm-12 col-xs-12 pt-cv-content-item pt-cv-1-col\" ><div class='pt-cv-ifield'><a href=\"https:\/\/www.dmsjuridica.com\/buscador_20179478954\/corteconstitucionalcronologico202454587\/t-637-08\/\" class=\"_self pt-cv-href-thumbnail pt-cv-thumb-default\" target=\"_self\" ><\/a>\n<div class=\"pt-cv-taxoterm above_title\"><a href='https:\/\/www.dmsjuridica.com\/buscador_20179478954\/corteconstitucionalcronologico202454587\/category\/buscar-en-toda-la-corte\/2008\/tutelas-2008\/' title='Tutelas 2008' class='pt-cv-tax-tutelas-2008'>Tutelas 2008<\/a><\/div>\n<h4 class=\"pt-cv-title\"><a href=\"https:\/\/www.dmsjuridica.com\/buscador_20179478954\/corteconstitucionalcronologico202454587\/t-637-08\/\" class=\"_self\" target=\"_self\" >T-637-08<\/a><\/h4>\n<div class=\"pt-cv-content\"> ...<br \/><div class=\"pt-cv-rmwrap\"><a href=\"https:\/\/www.dmsjuridica.com\/buscador_20179478954\/corteconstitucionalcronologico202454587\/t-637-08\/\" class=\"_self pt-cv-readmore btn btn-success\" target=\"_self\">Ver Sentencia Completa...<\/a><\/div><\/div><\/div><\/div>\n<div class=\"col-md-12 col-sm-12 col-xs-12 pt-cv-content-item pt-cv-1-col\" ><div class='pt-cv-ifield'><a href=\"https:\/\/www.dmsjuridica.com\/buscador_20179478954\/corteconstitucionalcronologico202454587\/t-636-08\/\" class=\"_self pt-cv-href-thumbnail pt-cv-thumb-default\" target=\"_self\" ><\/a>\n<div class=\"pt-cv-taxoterm above_title\"><a href='https:\/\/www.dmsjuridica.com\/buscador_20179478954\/corteconstitucionalcronologico202454587\/category\/buscar-en-toda-la-corte\/2008\/tutelas-2008\/' title='Tutelas 2008' class='pt-cv-tax-tutelas-2008'>Tutelas 2008<\/a><\/div>\n<h4 class=\"pt-cv-title\"><a href=\"https:\/\/www.dmsjuridica.com\/buscador_20179478954\/corteconstitucionalcronologico202454587\/t-636-08\/\" class=\"_self\" target=\"_self\" >T-636-08<\/a><\/h4>\n<div class=\"pt-cv-content\"> ...<br \/><div class=\"pt-cv-rmwrap\"><a href=\"https:\/\/www.dmsjuridica.com\/buscador_20179478954\/corteconstitucionalcronologico202454587\/t-636-08\/\" class=\"_self pt-cv-readmore btn btn-success\" target=\"_self\">Ver Sentencia Completa...<\/a><\/div><\/div><\/div><\/div>\n<div class=\"col-md-12 col-sm-12 col-xs-12 pt-cv-content-item pt-cv-1-col\" ><div class='pt-cv-ifield'><a href=\"https:\/\/www.dmsjuridica.com\/buscador_20179478954\/corteconstitucionalcronologico202454587\/t-635-08\/\" class=\"_self pt-cv-href-thumbnail pt-cv-thumb-default\" target=\"_self\" ><\/a>\n<div class=\"pt-cv-taxoterm above_title\"><a href='https:\/\/www.dmsjuridica.com\/buscador_20179478954\/corteconstitucionalcronologico202454587\/category\/buscar-en-toda-la-corte\/2008\/tutelas-2008\/' title='Tutelas 2008' class='pt-cv-tax-tutelas-2008'>Tutelas 2008<\/a><\/div>\n<h4 class=\"pt-cv-title\"><a href=\"https:\/\/www.dmsjuridica.com\/buscador_20179478954\/corteconstitucionalcronologico202454587\/t-635-08\/\" class=\"_self\" target=\"_self\" >T-635-08<\/a><\/h4>\n<div class=\"pt-cv-content\">\u00a0 \u00a0 SENTENCIA T-635\/08 \u00a0 (Junio 26) \u00a0 DERECHOS DEL INTERNO-Solicitud del actor para ser reclasificado en la fase de mediana seguridad \u00a0 TRATAMIENTO PENITENCIARIO-Normatividad aplicable \u00a0 TRATAMIENTO PENITENCIARIO-No se establece en la ley 65 de 1993 el requisito de haber cumplido el 70% de la pena para ser clasificado el recluso en la fase de mediana seguridad\u00a0 \u00a0 El requisito de haber descontado el setenta por ciento (70%) de la pena impuesta, trat\u00e1ndose de condenados por los delitos de competencia de los Jueces Penales de Circuito Especializados no se establece en la Ley 65 de 1993 para incluir a ...<br \/><div class=\"pt-cv-rmwrap\"><a href=\"https:\/\/www.dmsjuridica.com\/buscador_20179478954\/corteconstitucionalcronologico202454587\/t-635-08\/\" class=\"_self pt-cv-readmore btn btn-success\" target=\"_self\">Ver Sentencia Completa...<\/a><\/div><\/div><\/div><\/div>\n<div class=\"col-md-12 col-sm-12 col-xs-12 pt-cv-content-item pt-cv-1-col\" ><div class='pt-cv-ifield'><a href=\"https:\/\/www.dmsjuridica.com\/buscador_20179478954\/corteconstitucionalcronologico202454587\/t-634-08\/\" class=\"_self pt-cv-href-thumbnail pt-cv-thumb-default\" target=\"_self\" ><\/a>\n<div class=\"pt-cv-taxoterm above_title\"><a href='https:\/\/www.dmsjuridica.com\/buscador_20179478954\/corteconstitucionalcronologico202454587\/category\/buscar-en-toda-la-corte\/2008\/tutelas-2008\/' title='Tutelas 2008' class='pt-cv-tax-tutelas-2008'>Tutelas 2008<\/a><\/div>\n<h4 class=\"pt-cv-title\"><a href=\"https:\/\/www.dmsjuridica.com\/buscador_20179478954\/corteconstitucionalcronologico202454587\/t-634-08\/\" class=\"_self\" target=\"_self\" >T-634-08<\/a><\/h4>\n<div class=\"pt-cv-content\">\u00a0 \u00a0 SENTENCIA T-634\/08 \u00a0 ACCION DE TUTELA CONTRA ENTIDADES MUNICIPALES-Solicitud reconocimiento y pago de la pensi\u00f3n de jubilaci\u00f3n de docente pr\u00f3xima a cumplir 77 a\u00f1os de edad \u00a0 ACTUACION TEMERARIA-Configuraci\u00f3n por presentaci\u00f3n de una misma acci\u00f3n de tutela sin motivo expresamente justificado \u00a0 TEMERIDAD-Requisitos de configuraci\u00f3n \u00a0 TEMERIDAD-Es necesaria que la actuaci\u00f3n este desprovista de una raz\u00f3n o motivo que la justifique \u00a0 TEMERIDAD-En presentaci\u00f3n de nueva acci\u00f3n de tutela se hace necesario presumir en principio la buena fe y antes de negarla, el juez debe poder desvirtuar dicha presunci\u00f3n \u00a0 ACCION DE TUTELA CONTRA ENTIDADES MUNICIPALES-No aparece acreditada ...<br \/><div class=\"pt-cv-rmwrap\"><a href=\"https:\/\/www.dmsjuridica.com\/buscador_20179478954\/corteconstitucionalcronologico202454587\/t-634-08\/\" class=\"_self pt-cv-readmore btn btn-success\" target=\"_self\">Ver Sentencia Completa...<\/a><\/div><\/div><\/div><\/div>\n<div class=\"col-md-12 col-sm-12 col-xs-12 pt-cv-content-item pt-cv-1-col\" ><div class='pt-cv-ifield'><a href=\"https:\/\/www.dmsjuridica.com\/buscador_20179478954\/corteconstitucionalcronologico202454587\/t-633-08\/\" class=\"_self pt-cv-href-thumbnail pt-cv-thumb-default\" target=\"_self\" ><\/a>\n<div class=\"pt-cv-taxoterm above_title\"><a href='https:\/\/www.dmsjuridica.com\/buscador_20179478954\/corteconstitucionalcronologico202454587\/category\/buscar-en-toda-la-corte\/2008\/tutelas-2008\/' title='Tutelas 2008' class='pt-cv-tax-tutelas-2008'>Tutelas 2008<\/a><\/div>\n<h4 class=\"pt-cv-title\"><a href=\"https:\/\/www.dmsjuridica.com\/buscador_20179478954\/corteconstitucionalcronologico202454587\/t-633-08\/\" class=\"_self\" target=\"_self\" >T-633-08<\/a><\/h4>\n<div class=\"pt-cv-content\">\u00a0 \u00a0 SENTENCIA T-633\/08 \u00a0 (Junio 26 de 2008) \u00a0 ACCION DE TUTELA CONTRA ENTIDAD PROMOTORA DE SALUD-Evoluci\u00f3n jurisprudencial sobre suministro de aud\u00edfonos excluidos del POS \u00a0 DERECHO A LA INTEGRIDAD Y DIGNIDAD PERSONAL-Suministro de aud\u00edfonos para mejorar condiciones auditivas\u00a0 \u00a0 DISCAPACIDAD-Consecuencias sociales y psicol\u00f3gicas de la p\u00e9rdida de audici\u00f3n con implicaciones en el desenvolvimiento en sociedad y en su vida cotidiana \u00a0 DERECHO A LA SALUD DE PERSONA CON DISCAPACIDAD-Vulneraci\u00f3n por no suministro de aud\u00edfonos por EPS \u00a0 INAPLICACION DE NORMAS DEL PLAN OBLIGATORIO DE SALUD-Suministro de aud\u00edfonos por EPS \u00a0 ACCION DE TUTELA CONTRA ENTIDAD PROMOTORA DE SALUD-Criterios ...<br \/><div class=\"pt-cv-rmwrap\"><a href=\"https:\/\/www.dmsjuridica.com\/buscador_20179478954\/corteconstitucionalcronologico202454587\/t-633-08\/\" class=\"_self pt-cv-readmore btn btn-success\" target=\"_self\">Ver Sentencia Completa...<\/a><\/div><\/div><\/div><\/div>\n<div class=\"col-md-12 col-sm-12 col-xs-12 pt-cv-content-item pt-cv-1-col\" ><div class='pt-cv-ifield'><a href=\"https:\/\/www.dmsjuridica.com\/buscador_20179478954\/corteconstitucionalcronologico202454587\/t-632-08\/\" class=\"_self pt-cv-href-thumbnail pt-cv-thumb-default\" target=\"_self\" ><\/a>\n<div class=\"pt-cv-taxoterm above_title\"><a href='https:\/\/www.dmsjuridica.com\/buscador_20179478954\/corteconstitucionalcronologico202454587\/category\/buscar-en-toda-la-corte\/2008\/tutelas-2008\/' title='Tutelas 2008' class='pt-cv-tax-tutelas-2008'>Tutelas 2008<\/a><\/div>\n<h4 class=\"pt-cv-title\"><a href=\"https:\/\/www.dmsjuridica.com\/buscador_20179478954\/corteconstitucionalcronologico202454587\/t-632-08\/\" class=\"_self\" target=\"_self\" >T-632-08<\/a><\/h4>\n<div class=\"pt-cv-content\">\u00a0 \u00a0 SENTENCIA T-632\/08 \u00a0 (Junio 26 de 2008) \u00a0 DERECHO A LA SALUD DE PERSONA DE LA TERCERA EDAD-Suministro de pa\u00f1ales \u00a0 ACCION DE TUTELA-Carencia actual de objeto \u00a0 Referencia: expediente T-1.825.896 \u00a0 Accionante: Pablo Fandi\u00f1o Leiva. \u00a0 Accionado: Famisanar EPS\u00a0 \u00a0 Fallo de tutela objeto de revisi\u00f3n: sentencia del Juzgado Segundo Civil Municipal de Bogot\u00e1, del 14 de diciembre de 2007 (1\u00aa instancia). \u00a0 Magistrados de la Sala Quinta de Revisi\u00f3n: Mauricio Gonz\u00e1lez Cuervo, Marco Gerardo Monroy Cabra, Nilson Pinilla Pinilla. \u00a0 Magistrado Ponente: Mauricio Gonz\u00e1lez Cuervo. \u00a0 I. ANTECEDENTES \u00a0 1. Pretensi\u00f3n \u00a0 El se\u00f1or Pablo Fandi\u00f1o, ...<br \/><div class=\"pt-cv-rmwrap\"><a href=\"https:\/\/www.dmsjuridica.com\/buscador_20179478954\/corteconstitucionalcronologico202454587\/t-632-08\/\" class=\"_self pt-cv-readmore btn btn-success\" target=\"_self\">Ver Sentencia Completa...<\/a><\/div><\/div><\/div><\/div>\n<div class=\"col-md-12 col-sm-12 col-xs-12 pt-cv-content-item pt-cv-1-col\" ><div class='pt-cv-ifield'><a href=\"https:\/\/www.dmsjuridica.com\/buscador_20179478954\/corteconstitucionalcronologico202454587\/t-631-08\/\" class=\"_self pt-cv-href-thumbnail pt-cv-thumb-default\" target=\"_self\" ><\/a>\n<div class=\"pt-cv-taxoterm above_title\"><a href='https:\/\/www.dmsjuridica.com\/buscador_20179478954\/corteconstitucionalcronologico202454587\/category\/buscar-en-toda-la-corte\/2008\/tutelas-2008\/' title='Tutelas 2008' class='pt-cv-tax-tutelas-2008'>Tutelas 2008<\/a><\/div>\n<h4 class=\"pt-cv-title\"><a href=\"https:\/\/www.dmsjuridica.com\/buscador_20179478954\/corteconstitucionalcronologico202454587\/t-631-08\/\" class=\"_self\" target=\"_self\" >T-631-08<\/a><\/h4>\n<div class=\"pt-cv-content\">\u00a0 \u00a0 SENTENCIA T-631\/08 \u00a0 (Bogot\u00e1 D.C., 26 de junio) \u00a0 ACCION DE TUTELA CONTRA INCIDENTE DE DESACATO-Incumplimiento del gerente de Cajanal de \u00f3rdenes impartidas por jueces de tutela \u00a0 JUEZ DE TUTELA-Posibilidad de imponer sanciones a quien incumple sus \u00f3rdenes est\u00e1 perfectamente justificada \u00a0 ACCION DE TUTELA CONTRA INCIDENTE DE DESACATO POR VIA DE HECHO-Procedencia excepcional \u00a0 INCIDENTE DE DESACATO-Improcedencia de tutela salvo que se presenten v\u00edas de hecho \u00a0 ACCION DE TUTELA CONTRA PROVIDENCIAS JUDICIALES-Condiciones para procedibilidad excepcional \u00a0 ACCION DE TUTELA CONTRA PROVIDENCIAS JUDICIALES-Causales especiales de procedibilidad \u00a0 ACCION DE TUTELA CONTRA PROVIDENCIA JUDICIAL QUE RESUELVE INCIDENTE ...<br \/><div class=\"pt-cv-rmwrap\"><a href=\"https:\/\/www.dmsjuridica.com\/buscador_20179478954\/corteconstitucionalcronologico202454587\/t-631-08\/\" class=\"_self pt-cv-readmore btn btn-success\" target=\"_self\">Ver Sentencia Completa...<\/a><\/div><\/div><\/div><\/div>\n<div class=\"col-md-12 col-sm-12 col-xs-12 pt-cv-content-item pt-cv-1-col\" ><div class='pt-cv-ifield'><a href=\"https:\/\/www.dmsjuridica.com\/buscador_20179478954\/corteconstitucionalcronologico202454587\/t-630-08\/\" class=\"_self pt-cv-href-thumbnail pt-cv-thumb-default\" target=\"_self\" ><\/a>\n<div class=\"pt-cv-taxoterm above_title\"><a href='https:\/\/www.dmsjuridica.com\/buscador_20179478954\/corteconstitucionalcronologico202454587\/category\/buscar-en-toda-la-corte\/2008\/tutelas-2008\/' title='Tutelas 2008' class='pt-cv-tax-tutelas-2008'>Tutelas 2008<\/a><\/div>\n<h4 class=\"pt-cv-title\"><a href=\"https:\/\/www.dmsjuridica.com\/buscador_20179478954\/corteconstitucionalcronologico202454587\/t-630-08\/\" class=\"_self\" target=\"_self\" >T-630-08<\/a><\/h4>\n<div class=\"pt-cv-content\">\u00a0 \u00a0 Sentencia T-630\/08 \u00a0 PROCESO POLICIVO-Procedencia de la tutela \u00a0 PERSONA CON DISCAPACIDAD FISICA-Especial protecci\u00f3n por el Estado \u00a0 DEBIDO PROCESO EN RESTITUCION DEL ESPACIO PUBLICO-Reiteraci\u00f3n de jurisprudencia \u00a0 ESPACIO PUBLICO-Preservaci\u00f3n \u00a0 ESPACIO PUBLICO-Provisi\u00f3n de alternativas econ\u00f3micas frente a vendedores ambulantes\/VENDEDOR AMBULANTE-Reubicaci\u00f3n \u00a0 PRINCIPIO DE CONFIANZA LEGITIMA-Obligaci\u00f3n de la Administraci\u00f3n de ofrecer alternativas econ\u00f3micas y de reubicaci\u00f3n laboral a aquellos vendedores informales afectados con medidas de recuperaci\u00f3n de espacios comunes o protegidos \u00a0 DEBIDO PROCESO EN RESTITUCION DEL ESPACIO PUBLICO-Vulneraci\u00f3n a vendedor ambulante discapacitado \u00a0 Referencia: expediente T-1.828.084 \u00a0 Acci\u00f3n de tutela instaurada por Lu\u00eds Francisco Mej\u00eda Lozano contra ...<br \/><div class=\"pt-cv-rmwrap\"><a href=\"https:\/\/www.dmsjuridica.com\/buscador_20179478954\/corteconstitucionalcronologico202454587\/t-630-08\/\" class=\"_self pt-cv-readmore btn btn-success\" target=\"_self\">Ver Sentencia Completa...<\/a><\/div><\/div><\/div><\/div>\n<div class=\"col-md-12 col-sm-12 col-xs-12 pt-cv-content-item pt-cv-1-col\" ><div class='pt-cv-ifield'><a href=\"https:\/\/www.dmsjuridica.com\/buscador_20179478954\/corteconstitucionalcronologico202454587\/t-629-08\/\" class=\"_self pt-cv-href-thumbnail pt-cv-thumb-default\" target=\"_self\" ><\/a>\n<div class=\"pt-cv-taxoterm above_title\"><a href='https:\/\/www.dmsjuridica.com\/buscador_20179478954\/corteconstitucionalcronologico202454587\/category\/buscar-en-toda-la-corte\/2008\/tutelas-2008\/' title='Tutelas 2008' class='pt-cv-tax-tutelas-2008'>Tutelas 2008<\/a><\/div>\n<h4 class=\"pt-cv-title\"><a href=\"https:\/\/www.dmsjuridica.com\/buscador_20179478954\/corteconstitucionalcronologico202454587\/t-629-08\/\" class=\"_self\" target=\"_self\" >T-629-08<\/a><\/h4>\n<div class=\"pt-cv-content\">\u00a0 \u00a0 Sentencia T-629\/08 \u00a0 ACCION DE TUTELA-Requisitos de procedencia y procedibilidad \u00a0 ACCION DE TUTELA-Car\u00e1cter subsidiario y residual \u00a0 ACCION DE TUTELA-Improcedencia general para impugnar o controvertir actos administrativos \u00a0 ACCION DE TUTELA-Procedencia excepcional contra actos administrativos cuando se demuestre perjuicio irremediable \u00a0 ACCION DE TUTELA-Improcedencia para controvertir acto administrativo de la administraci\u00f3n municipal por existencia de otra v\u00eda judicial y porque no se advierte la ocurrencia de un perjuicio irremediable \u00a0 Referencia: expediente T-1697617 \u00a0 Acci\u00f3n de tutela promovida por la Fundaci\u00f3n Educativa Nuevo Mundo contra Secretar\u00eda de Educaci\u00f3n y Alcald\u00eda Municipal de Santiago de Cali. \u00a0 Magistrado ...<br \/><div class=\"pt-cv-rmwrap\"><a href=\"https:\/\/www.dmsjuridica.com\/buscador_20179478954\/corteconstitucionalcronologico202454587\/t-629-08\/\" class=\"_self pt-cv-readmore btn btn-success\" target=\"_self\">Ver Sentencia Completa...<\/a><\/div><\/div><\/div><\/div>\n<div class=\"col-md-12 col-sm-12 col-xs-12 pt-cv-content-item pt-cv-1-col\" ><div class='pt-cv-ifield'><a href=\"https:\/\/www.dmsjuridica.com\/buscador_20179478954\/corteconstitucionalcronologico202454587\/t-628-08\/\" class=\"_self pt-cv-href-thumbnail pt-cv-thumb-default\" target=\"_self\" ><\/a>\n<div class=\"pt-cv-taxoterm above_title\"><a href='https:\/\/www.dmsjuridica.com\/buscador_20179478954\/corteconstitucionalcronologico202454587\/category\/buscar-en-toda-la-corte\/2008\/tutelas-2008\/' title='Tutelas 2008' class='pt-cv-tax-tutelas-2008'>Tutelas 2008<\/a><\/div>\n<h4 class=\"pt-cv-title\"><a href=\"https:\/\/www.dmsjuridica.com\/buscador_20179478954\/corteconstitucionalcronologico202454587\/t-628-08\/\" class=\"_self\" target=\"_self\" >T-628-08<\/a><\/h4>\n<div class=\"pt-cv-content\"> ...<br \/><div class=\"pt-cv-rmwrap\"><a href=\"https:\/\/www.dmsjuridica.com\/buscador_20179478954\/corteconstitucionalcronologico202454587\/t-628-08\/\" class=\"_self pt-cv-readmore btn btn-success\" target=\"_self\">Ver Sentencia Completa...<\/a><\/div><\/div><\/div><\/div>\n<div class=\"col-md-12 col-sm-12 col-xs-12 pt-cv-content-item pt-cv-1-col\" ><div class='pt-cv-ifield'><a href=\"https:\/\/www.dmsjuridica.com\/buscador_20179478954\/corteconstitucionalcronologico202454587\/t-626-08\/\" class=\"_self pt-cv-href-thumbnail pt-cv-thumb-default\" target=\"_self\" ><\/a>\n<div class=\"pt-cv-taxoterm above_title\"><a href='https:\/\/www.dmsjuridica.com\/buscador_20179478954\/corteconstitucionalcronologico202454587\/category\/buscar-en-toda-la-corte\/2008\/tutelas-2008\/' title='Tutelas 2008' class='pt-cv-tax-tutelas-2008'>Tutelas 2008<\/a><\/div>\n<h4 class=\"pt-cv-title\"><a href=\"https:\/\/www.dmsjuridica.com\/buscador_20179478954\/corteconstitucionalcronologico202454587\/t-626-08\/\" class=\"_self\" target=\"_self\" >T-626-08<\/a><\/h4>\n<div class=\"pt-cv-content\">\u00a0 \u00a0 Sentencia T-626\/08 \u00a0 SISTEMA DE SEGURIDAD SOCIAL EN SALUD-Alcance \u00a0 DERECHO A LA SALUD DEL DISCAPACITADO-Car\u00e1cter reforzado \u00a0 CONTRATO DE MEDICINA PREPAGADA-Caracter\u00edsticas \u00a0 ACCION DE TUTELA CONTRA EMPRESA DE MEDICINA PREPAGADA-Procedencia \u00a0 EMPRESA DE MEDICINA PREPAGADA-Abuso de posici\u00f3n dominante\u00a0 \u00a0 DERECHO A LA SALUD-Exigibilidad tanto a planes obligatorios de salud como a planes de medicina prepagada \u00a0 Previsiones tales como la continuidad del servicio, el consentimiento informado de los pacientes y los principios de disponibilidad, no discriminaci\u00f3n, asequibilidad econ\u00f3mica, acceso a la informaci\u00f3n, aceptabilidad y calidad, entre otros, son exigibles no s\u00f3lo en el marco de los planes ...<br \/><div class=\"pt-cv-rmwrap\"><a href=\"https:\/\/www.dmsjuridica.com\/buscador_20179478954\/corteconstitucionalcronologico202454587\/t-626-08\/\" class=\"_self pt-cv-readmore btn btn-success\" target=\"_self\">Ver Sentencia Completa...<\/a><\/div><\/div><\/div><\/div>\n<div class=\"col-md-12 col-sm-12 col-xs-12 pt-cv-content-item pt-cv-1-col\" ><div class='pt-cv-ifield'><a href=\"https:\/\/www.dmsjuridica.com\/buscador_20179478954\/corteconstitucionalcronologico202454587\/t-625-08\/\" class=\"_self pt-cv-href-thumbnail pt-cv-thumb-default\" target=\"_self\" ><\/a>\n<div class=\"pt-cv-taxoterm above_title\"><a href='https:\/\/www.dmsjuridica.com\/buscador_20179478954\/corteconstitucionalcronologico202454587\/category\/buscar-en-toda-la-corte\/2008\/tutelas-2008\/' title='Tutelas 2008' class='pt-cv-tax-tutelas-2008'>Tutelas 2008<\/a><\/div>\n<h4 class=\"pt-cv-title\"><a href=\"https:\/\/www.dmsjuridica.com\/buscador_20179478954\/corteconstitucionalcronologico202454587\/t-625-08\/\" class=\"_self\" target=\"_self\" >T-625-08<\/a><\/h4>\n<div class=\"pt-cv-content\"> ...<br \/><div class=\"pt-cv-rmwrap\"><a href=\"https:\/\/www.dmsjuridica.com\/buscador_20179478954\/corteconstitucionalcronologico202454587\/t-625-08\/\" class=\"_self pt-cv-readmore btn btn-success\" target=\"_self\">Ver Sentencia Completa...<\/a><\/div><\/div><\/div><\/div>\n<div class=\"col-md-12 col-sm-12 col-xs-12 pt-cv-content-item pt-cv-1-col\" ><div class='pt-cv-ifield'><a href=\"https:\/\/www.dmsjuridica.com\/buscador_20179478954\/corteconstitucionalcronologico202454587\/t-615-08\/\" class=\"_self pt-cv-href-thumbnail pt-cv-thumb-default\" target=\"_self\" ><\/a>\n<div class=\"pt-cv-taxoterm above_title\"><a href='https:\/\/www.dmsjuridica.com\/buscador_20179478954\/corteconstitucionalcronologico202454587\/category\/buscar-en-toda-la-corte\/2008\/tutelas-2008\/' title='Tutelas 2008' class='pt-cv-tax-tutelas-2008'>Tutelas 2008<\/a><\/div>\n<h4 class=\"pt-cv-title\"><a href=\"https:\/\/www.dmsjuridica.com\/buscador_20179478954\/corteconstitucionalcronologico202454587\/t-615-08\/\" class=\"_self\" target=\"_self\" >T-615-08<\/a><\/h4>\n<div class=\"pt-cv-content\"> ...<br \/><div class=\"pt-cv-rmwrap\"><a href=\"https:\/\/www.dmsjuridica.com\/buscador_20179478954\/corteconstitucionalcronologico202454587\/t-615-08\/\" class=\"_self pt-cv-readmore btn btn-success\" target=\"_self\">Ver Sentencia Completa...<\/a><\/div><\/div><\/div><\/div>\n<div class=\"col-md-12 col-sm-12 col-xs-12 pt-cv-content-item pt-cv-1-col\" ><div class='pt-cv-ifield'><a href=\"https:\/\/www.dmsjuridica.com\/buscador_20179478954\/corteconstitucionalcronologico202454587\/t-614-08\/\" class=\"_self pt-cv-href-thumbnail pt-cv-thumb-default\" target=\"_self\" ><\/a>\n<div class=\"pt-cv-taxoterm above_title\"><a href='https:\/\/www.dmsjuridica.com\/buscador_20179478954\/corteconstitucionalcronologico202454587\/category\/buscar-en-toda-la-corte\/2008\/tutelas-2008\/' title='Tutelas 2008' class='pt-cv-tax-tutelas-2008'>Tutelas 2008<\/a><\/div>\n<h4 class=\"pt-cv-title\"><a href=\"https:\/\/www.dmsjuridica.com\/buscador_20179478954\/corteconstitucionalcronologico202454587\/t-614-08\/\" class=\"_self\" target=\"_self\" >T-614-08<\/a><\/h4>\n<div class=\"pt-cv-content\">\u00a0 \u00a0 Sentencia T-614\/08 \u00a0 ACCION DE TUTELA-Procedencia excepcional pago de acreencias laborales \u00a0 DERECHO AL MINIMO VITAL-Acreditaci\u00f3n suficiente \u00a0 ACCION DE TUTELA-Procedencia excepcional pago de honorarios derivados de un contrato de prestaci\u00f3n de servicios cuando se vislumbre la presencia de un perjuicio irremediable \u00a0 Reiteraci\u00f3n de jurisprudencia \u00a0 Referencia: Expediente T-1.845.901. \u00a0 Demandante: Nini Jhoana Pastrana Mart\u00ednez. \u00a0 Demandado: E.S.E. Hospital Local de Cicuco (Bol\u00edvar).\u00a0 \u00a0 Magistrado Ponente:\u00a0 \u00a0 Dr. RODRIGO ESCOBAR GIL \u00a0 Bogot\u00e1, D. C., veintitr\u00e9s (23) de junio de dos mil ocho (2008). \u00a0 \u00a0 \u00a0 La Sala Cuarta de Revisi\u00f3n de la Corte Constitucional, integrada ...<br \/><div class=\"pt-cv-rmwrap\"><a href=\"https:\/\/www.dmsjuridica.com\/buscador_20179478954\/corteconstitucionalcronologico202454587\/t-614-08\/\" class=\"_self pt-cv-readmore btn btn-success\" target=\"_self\">Ver Sentencia Completa...<\/a><\/div><\/div><\/div><\/div>\n<div class=\"col-md-12 col-sm-12 col-xs-12 pt-cv-content-item pt-cv-1-col\" ><div class='pt-cv-ifield'><a href=\"https:\/\/www.dmsjuridica.com\/buscador_20179478954\/corteconstitucionalcronologico202454587\/t-613-08\/\" class=\"_self pt-cv-href-thumbnail pt-cv-thumb-default\" target=\"_self\" ><\/a>\n<div class=\"pt-cv-taxoterm above_title\"><a href='https:\/\/www.dmsjuridica.com\/buscador_20179478954\/corteconstitucionalcronologico202454587\/category\/buscar-en-toda-la-corte\/2008\/tutelas-2008\/' title='Tutelas 2008' class='pt-cv-tax-tutelas-2008'>Tutelas 2008<\/a><\/div>\n<h4 class=\"pt-cv-title\"><a href=\"https:\/\/www.dmsjuridica.com\/buscador_20179478954\/corteconstitucionalcronologico202454587\/t-613-08\/\" class=\"_self\" target=\"_self\" >T-613-08<\/a><\/h4>\n<div class=\"pt-cv-content\">\u00a0 \u00a0 Sentencia T-613\/08 \u00a0 ACCION DE TUTELA-Carencia actual de objeto \u00a0 PROTECCION CONSTITUCIONAL ESPECIAL DE PERSONAS PORTADORAS DE VIH\/SIDA-Reiteraci\u00f3n de jurisprudencia \u00a0 DERECHO A LA SALUD-Suministro de tratamiento integral a persona con VIH \u00a0 Referencia: expediente T-1.858.862 \u00a0 Actor: Pedro, como agente oficioso de su hijo Pablo \u00a0 Demandado: Coomeva EPS \u00a0 RODRIGO ESCOBAR GIL \u00a0 Bogot\u00e1, D. C., \u00a0veinte (20) de junio de dos mil ocho (2008). \u00a0 La Sala Cuarta de Revisi\u00f3n de la Corte Constitucional, integrada por los Magistrados Rodrigo Escobar Gil, Mauricio Gonz\u00e1lez Cuervo y Marco Gerardo Monroy Cabra, en ejercicio de sus competencias constitucionales ...<br \/><div class=\"pt-cv-rmwrap\"><a href=\"https:\/\/www.dmsjuridica.com\/buscador_20179478954\/corteconstitucionalcronologico202454587\/t-613-08\/\" class=\"_self pt-cv-readmore btn btn-success\" target=\"_self\">Ver Sentencia Completa...<\/a><\/div><\/div><\/div><\/div>\n<div class=\"col-md-12 col-sm-12 col-xs-12 pt-cv-content-item pt-cv-1-col\" ><div class='pt-cv-ifield'><a href=\"https:\/\/www.dmsjuridica.com\/buscador_20179478954\/corteconstitucionalcronologico202454587\/t-612-08\/\" class=\"_self pt-cv-href-thumbnail pt-cv-thumb-default\" target=\"_self\" ><\/a>\n<div class=\"pt-cv-taxoterm above_title\"><a href='https:\/\/www.dmsjuridica.com\/buscador_20179478954\/corteconstitucionalcronologico202454587\/category\/buscar-en-toda-la-corte\/2008\/tutelas-2008\/' title='Tutelas 2008' class='pt-cv-tax-tutelas-2008'>Tutelas 2008<\/a><\/div>\n<h4 class=\"pt-cv-title\"><a href=\"https:\/\/www.dmsjuridica.com\/buscador_20179478954\/corteconstitucionalcronologico202454587\/t-612-08\/\" class=\"_self\" target=\"_self\" >T-612-08<\/a><\/h4>\n<div class=\"pt-cv-content\"> ...<br \/><div class=\"pt-cv-rmwrap\"><a href=\"https:\/\/www.dmsjuridica.com\/buscador_20179478954\/corteconstitucionalcronologico202454587\/t-612-08\/\" class=\"_self pt-cv-readmore btn btn-success\" target=\"_self\">Ver Sentencia Completa...<\/a><\/div><\/div><\/div><\/div>\n<div class=\"col-md-12 col-sm-12 col-xs-12 pt-cv-content-item pt-cv-1-col\" ><div class='pt-cv-ifield'><a href=\"https:\/\/www.dmsjuridica.com\/buscador_20179478954\/corteconstitucionalcronologico202454587\/t-611-08\/\" class=\"_self pt-cv-href-thumbnail pt-cv-thumb-default\" target=\"_self\" ><\/a>\n<div class=\"pt-cv-taxoterm above_title\"><a href='https:\/\/www.dmsjuridica.com\/buscador_20179478954\/corteconstitucionalcronologico202454587\/category\/buscar-en-toda-la-corte\/2008\/tutelas-2008\/' title='Tutelas 2008' class='pt-cv-tax-tutelas-2008'>Tutelas 2008<\/a><\/div>\n<h4 class=\"pt-cv-title\"><a href=\"https:\/\/www.dmsjuridica.com\/buscador_20179478954\/corteconstitucionalcronologico202454587\/t-611-08\/\" class=\"_self\" target=\"_self\" >T-611-08<\/a><\/h4>\n<div class=\"pt-cv-content\">\u00a0 \u00a0 Sentencia T-611\/08 \u00a0 ACCION DE TUTELA CONTRA BANCO CAFETERO EN LIQUIDACION-Solicitud reajuste e indexaci\u00f3n de la mesada pensional \u00a0 ACCION DE TUTELA-No es el mecanismo id\u00f3neo para resolver controversias sobre el reconocimiento o reliquidaci\u00f3n de prestaciones sociales\/ACCION DE TUTELA-Procedencia como mecanismo transitorio para evitar un perjuicio irremediable \u00a0 LEGITIMACION POR ACTIVA-Pretendida violaci\u00f3n de derechos no es atribuible al Banco Cafetero sino a decisiones judiciales que negaron la indexaci\u00f3n de la primera mesada pensional\/PRINCIPIO DE LA COSA JUZGADA-Pierde su car\u00e1cter absoluto frente a la violaci\u00f3n de derechos fundamentales\/PRINCIPIO DE LA COSA JUZGADA-Puede desvirtuarse acreditando la existencia de alguna causal ...<br \/><div class=\"pt-cv-rmwrap\"><a href=\"https:\/\/www.dmsjuridica.com\/buscador_20179478954\/corteconstitucionalcronologico202454587\/t-611-08\/\" class=\"_self pt-cv-readmore btn btn-success\" target=\"_self\">Ver Sentencia Completa...<\/a><\/div><\/div><\/div><\/div>\n<div class=\"col-md-12 col-sm-12 col-xs-12 pt-cv-content-item pt-cv-1-col\" ><div class='pt-cv-ifield'><a href=\"https:\/\/www.dmsjuridica.com\/buscador_20179478954\/corteconstitucionalcronologico202454587\/t-610-08\/\" class=\"_self pt-cv-href-thumbnail pt-cv-thumb-default\" target=\"_self\" ><\/a>\n<div class=\"pt-cv-taxoterm above_title\"><a href='https:\/\/www.dmsjuridica.com\/buscador_20179478954\/corteconstitucionalcronologico202454587\/category\/buscar-en-toda-la-corte\/2008\/tutelas-2008\/' title='Tutelas 2008' class='pt-cv-tax-tutelas-2008'>Tutelas 2008<\/a><\/div>\n<h4 class=\"pt-cv-title\"><a href=\"https:\/\/www.dmsjuridica.com\/buscador_20179478954\/corteconstitucionalcronologico202454587\/t-610-08\/\" class=\"_self\" target=\"_self\" >T-610-08<\/a><\/h4>\n<div class=\"pt-cv-content\"> ...<br \/><div class=\"pt-cv-rmwrap\"><a href=\"https:\/\/www.dmsjuridica.com\/buscador_20179478954\/corteconstitucionalcronologico202454587\/t-610-08\/\" class=\"_self pt-cv-readmore btn btn-success\" target=\"_self\">Ver Sentencia Completa...<\/a><\/div><\/div><\/div><\/div>\n<div class=\"col-md-12 col-sm-12 col-xs-12 pt-cv-content-item pt-cv-1-col\" ><div class='pt-cv-ifield'><a href=\"https:\/\/www.dmsjuridica.com\/buscador_20179478954\/corteconstitucionalcronologico202454587\/t-609-08\/\" class=\"_self pt-cv-href-thumbnail pt-cv-thumb-default\" target=\"_self\" ><\/a>\n<div class=\"pt-cv-taxoterm above_title\"><a href='https:\/\/www.dmsjuridica.com\/buscador_20179478954\/corteconstitucionalcronologico202454587\/category\/buscar-en-toda-la-corte\/2008\/tutelas-2008\/' title='Tutelas 2008' class='pt-cv-tax-tutelas-2008'>Tutelas 2008<\/a><\/div>\n<h4 class=\"pt-cv-title\"><a href=\"https:\/\/www.dmsjuridica.com\/buscador_20179478954\/corteconstitucionalcronologico202454587\/t-609-08\/\" class=\"_self\" target=\"_self\" >T-609-08<\/a><\/h4>\n<div class=\"pt-cv-content\">\u00a0 \u00a0 Sentencia T-609\/08\u00a0 \u00a0 LEGITIMACION POR ACTIVA EN TUTELA-Presupuestos \u00a0 LEGITIMACION POR ACTIVA EN TUTELA-Ausencia\u00a0 \u00a0 ACCION DE TUTELA-Naturaleza subsidiaria \u00a0 ACCION DE TUTELA-Procedencia excepcional para resolver controversias contractuales cuando se advierta que la afectaci\u00f3n de un derecho de naturaleza contractual implica la afectaci\u00f3n de un derecho fundamental \u00a0 DERECHO A LA SEGURIDAD SOCIAL EN SALUD-Doble car\u00e1cter \u00a0 DERECHOS PRESTACIONALES-Transmutaci\u00f3n hacia un derecho subjetivo\u00a0 \u00a0 Con respecto a la transmutaci\u00f3n de los derechos prestacionales en derechos subjetivos, este Tribunal ha considerado que dado el car\u00e1cter program\u00e1tico, y de desarrollo progresivo de los primeros, su efectividad no podr\u00e1 solicitarse a ...<br \/><div class=\"pt-cv-rmwrap\"><a href=\"https:\/\/www.dmsjuridica.com\/buscador_20179478954\/corteconstitucionalcronologico202454587\/t-609-08\/\" class=\"_self pt-cv-readmore btn btn-success\" target=\"_self\">Ver Sentencia Completa...<\/a><\/div><\/div><\/div><\/div>\n<div class=\"col-md-12 col-sm-12 col-xs-12 pt-cv-content-item pt-cv-1-col\" ><div class='pt-cv-ifield'><a href=\"https:\/\/www.dmsjuridica.com\/buscador_20179478954\/corteconstitucionalcronologico202454587\/t-608-08\/\" class=\"_self pt-cv-href-thumbnail pt-cv-thumb-default\" target=\"_self\" ><\/a>\n<div class=\"pt-cv-taxoterm above_title\"><a href='https:\/\/www.dmsjuridica.com\/buscador_20179478954\/corteconstitucionalcronologico202454587\/category\/buscar-en-toda-la-corte\/2008\/tutelas-2008\/' title='Tutelas 2008' class='pt-cv-tax-tutelas-2008'>Tutelas 2008<\/a><\/div>\n<h4 class=\"pt-cv-title\"><a href=\"https:\/\/www.dmsjuridica.com\/buscador_20179478954\/corteconstitucionalcronologico202454587\/t-608-08\/\" class=\"_self\" target=\"_self\" >T-608-08<\/a><\/h4>\n<div class=\"pt-cv-content\"> ...<br \/><div class=\"pt-cv-rmwrap\"><a href=\"https:\/\/www.dmsjuridica.com\/buscador_20179478954\/corteconstitucionalcronologico202454587\/t-608-08\/\" class=\"_self pt-cv-readmore btn btn-success\" target=\"_self\">Ver Sentencia Completa...<\/a><\/div><\/div><\/div><\/div>\n<div class=\"col-md-12 col-sm-12 col-xs-12 pt-cv-content-item pt-cv-1-col\" ><div class='pt-cv-ifield'><a href=\"https:\/\/www.dmsjuridica.com\/buscador_20179478954\/corteconstitucionalcronologico202454587\/t-607-08\/\" class=\"_self pt-cv-href-thumbnail pt-cv-thumb-default\" target=\"_self\" ><\/a>\n<div class=\"pt-cv-taxoterm above_title\"><a href='https:\/\/www.dmsjuridica.com\/buscador_20179478954\/corteconstitucionalcronologico202454587\/category\/buscar-en-toda-la-corte\/2008\/tutelas-2008\/' title='Tutelas 2008' class='pt-cv-tax-tutelas-2008'>Tutelas 2008<\/a><\/div>\n<h4 class=\"pt-cv-title\"><a href=\"https:\/\/www.dmsjuridica.com\/buscador_20179478954\/corteconstitucionalcronologico202454587\/t-607-08\/\" class=\"_self\" target=\"_self\" >T-607-08<\/a><\/h4>\n<div class=\"pt-cv-content\"> ...<br \/><div class=\"pt-cv-rmwrap\"><a href=\"https:\/\/www.dmsjuridica.com\/buscador_20179478954\/corteconstitucionalcronologico202454587\/t-607-08\/\" class=\"_self pt-cv-readmore btn btn-success\" target=\"_self\">Ver Sentencia Completa...<\/a><\/div><\/div><\/div><\/div>\n<div class=\"col-md-12 col-sm-12 col-xs-12 pt-cv-content-item pt-cv-1-col\" ><div class='pt-cv-ifield'><a href=\"https:\/\/www.dmsjuridica.com\/buscador_20179478954\/corteconstitucionalcronologico202454587\/t-606-08\/\" class=\"_self pt-cv-href-thumbnail pt-cv-thumb-default\" target=\"_self\" ><\/a>\n<div class=\"pt-cv-taxoterm above_title\"><a href='https:\/\/www.dmsjuridica.com\/buscador_20179478954\/corteconstitucionalcronologico202454587\/category\/buscar-en-toda-la-corte\/2008\/tutelas-2008\/' title='Tutelas 2008' class='pt-cv-tax-tutelas-2008'>Tutelas 2008<\/a><\/div>\n<h4 class=\"pt-cv-title\"><a href=\"https:\/\/www.dmsjuridica.com\/buscador_20179478954\/corteconstitucionalcronologico202454587\/t-606-08\/\" class=\"_self\" target=\"_self\" >T-606-08<\/a><\/h4>\n<div class=\"pt-cv-content\"> ...<br \/><div class=\"pt-cv-rmwrap\"><a href=\"https:\/\/www.dmsjuridica.com\/buscador_20179478954\/corteconstitucionalcronologico202454587\/t-606-08\/\" class=\"_self pt-cv-readmore btn btn-success\" target=\"_self\">Ver Sentencia Completa...<\/a><\/div><\/div><\/div><\/div>\n<div class=\"col-md-12 col-sm-12 col-xs-12 pt-cv-content-item pt-cv-1-col\" ><div class='pt-cv-ifield'><a href=\"https:\/\/www.dmsjuridica.com\/buscador_20179478954\/corteconstitucionalcronologico202454587\/t-605-08\/\" class=\"_self pt-cv-href-thumbnail pt-cv-thumb-default\" target=\"_self\" ><\/a>\n<div class=\"pt-cv-taxoterm above_title\"><a href='https:\/\/www.dmsjuridica.com\/buscador_20179478954\/corteconstitucionalcronologico202454587\/category\/buscar-en-toda-la-corte\/2008\/tutelas-2008\/' title='Tutelas 2008' class='pt-cv-tax-tutelas-2008'>Tutelas 2008<\/a><\/div>\n<h4 class=\"pt-cv-title\"><a href=\"https:\/\/www.dmsjuridica.com\/buscador_20179478954\/corteconstitucionalcronologico202454587\/t-605-08\/\" class=\"_self\" target=\"_self\" >T-605-08<\/a><\/h4>\n<div class=\"pt-cv-content\"> ...<br \/><div class=\"pt-cv-rmwrap\"><a href=\"https:\/\/www.dmsjuridica.com\/buscador_20179478954\/corteconstitucionalcronologico202454587\/t-605-08\/\" class=\"_self pt-cv-readmore btn btn-success\" target=\"_self\">Ver Sentencia Completa...<\/a><\/div><\/div><\/div><\/div>\n<div class=\"col-md-12 col-sm-12 col-xs-12 pt-cv-content-item pt-cv-1-col\" ><div class='pt-cv-ifield'><a href=\"https:\/\/www.dmsjuridica.com\/buscador_20179478954\/corteconstitucionalcronologico202454587\/t-604-08\/\" class=\"_self pt-cv-href-thumbnail pt-cv-thumb-default\" target=\"_self\" ><\/a>\n<div class=\"pt-cv-taxoterm above_title\"><a href='https:\/\/www.dmsjuridica.com\/buscador_20179478954\/corteconstitucionalcronologico202454587\/category\/buscar-en-toda-la-corte\/2008\/tutelas-2008\/' title='Tutelas 2008' class='pt-cv-tax-tutelas-2008'>Tutelas 2008<\/a><\/div>\n<h4 class=\"pt-cv-title\"><a href=\"https:\/\/www.dmsjuridica.com\/buscador_20179478954\/corteconstitucionalcronologico202454587\/t-604-08\/\" class=\"_self\" target=\"_self\" >T-604-08<\/a><\/h4>\n<div class=\"pt-cv-content\"> ...<br \/><div class=\"pt-cv-rmwrap\"><a href=\"https:\/\/www.dmsjuridica.com\/buscador_20179478954\/corteconstitucionalcronologico202454587\/t-604-08\/\" class=\"_self pt-cv-readmore btn btn-success\" target=\"_self\">Ver Sentencia Completa...<\/a><\/div><\/div><\/div><\/div>\n<div class=\"col-md-12 col-sm-12 col-xs-12 pt-cv-content-item pt-cv-1-col\" ><div class='pt-cv-ifield'><a href=\"https:\/\/www.dmsjuridica.com\/buscador_20179478954\/corteconstitucionalcronologico202454587\/t-603-08\/\" class=\"_self pt-cv-href-thumbnail pt-cv-thumb-default\" target=\"_self\" ><\/a>\n<div class=\"pt-cv-taxoterm above_title\"><a href='https:\/\/www.dmsjuridica.com\/buscador_20179478954\/corteconstitucionalcronologico202454587\/category\/buscar-en-toda-la-corte\/2008\/tutelas-2008\/' title='Tutelas 2008' class='pt-cv-tax-tutelas-2008'>Tutelas 2008<\/a><\/div>\n<h4 class=\"pt-cv-title\"><a href=\"https:\/\/www.dmsjuridica.com\/buscador_20179478954\/corteconstitucionalcronologico202454587\/t-603-08\/\" class=\"_self\" target=\"_self\" >T-603-08<\/a><\/h4>\n<div class=\"pt-cv-content\">\u00a0 \u00a0 Sentencia T-603\/08 \u00a0 PENSION DE VEJEZ-Reconocimiento por la Caja Nacional de Previsi\u00f3n Social como funcionario del Ministerio de Relaciones Exteriores sin tener en cuenta el salario real devengado \u00a0 PENSION-Reconocimiento con el salario realmente devengado a servidores p\u00fablicos que trabajan en el exterior\/ACCION DE TUTELA EN MATERIA DE PENSIONES-Servidores p\u00fablicos que trabajan en el exterior \u00a0 FUNCIONARIOS DE PLANTA EXTERNA DEL MINISTERIO DE RELACIONES EXTERIORES-Liquidaci\u00f3n pensiones con fundamento en salarios inferiores a los realmente percibidos \u00a0 DERECHOS FUNDAMENTALES-Desconocimiento por liquidaci\u00f3n con base en un salario inferior al realmente devengado\/ACCION DE TUTELA-Procedencia para la reliquidaci\u00f3n de pensi\u00f3n si cumple ...<br \/><div class=\"pt-cv-rmwrap\"><a href=\"https:\/\/www.dmsjuridica.com\/buscador_20179478954\/corteconstitucionalcronologico202454587\/t-603-08\/\" class=\"_self pt-cv-readmore btn btn-success\" target=\"_self\">Ver Sentencia Completa...<\/a><\/div><\/div><\/div><\/div>\n<div class=\"col-md-12 col-sm-12 col-xs-12 pt-cv-content-item pt-cv-1-col\" ><div class='pt-cv-ifield'><a href=\"https:\/\/www.dmsjuridica.com\/buscador_20179478954\/corteconstitucionalcronologico202454587\/t-602-08\/\" class=\"_self pt-cv-href-thumbnail pt-cv-thumb-default\" target=\"_self\" ><\/a>\n<div class=\"pt-cv-taxoterm above_title\"><a href='https:\/\/www.dmsjuridica.com\/buscador_20179478954\/corteconstitucionalcronologico202454587\/category\/buscar-en-toda-la-corte\/2008\/tutelas-2008\/' title='Tutelas 2008' class='pt-cv-tax-tutelas-2008'>Tutelas 2008<\/a><\/div>\n<h4 class=\"pt-cv-title\"><a href=\"https:\/\/www.dmsjuridica.com\/buscador_20179478954\/corteconstitucionalcronologico202454587\/t-602-08\/\" class=\"_self\" target=\"_self\" >T-602-08<\/a><\/h4>\n<div class=\"pt-cv-content\">\u00a0 \u00a0 Sentencia T-602\/08 \u00a0 ACCION DE TUTELA Y MEDIO DE DEFENSA JUDICIAL-Aspectos que se deben tener en cuenta para su procedencia \u00a0 DERECHO A LA PENSION DE SOBREVIVIENTES-Finalidad \u00a0 DERECHO A LA SUSTITUCION PENSIONAL POR ESTUDIOS-Protecci\u00f3n \u00a0 DERECHO A LA SUSTITUCION PENSIONAL-Car\u00e1cter fundamental \u00a0 PENSION DE SOBREVIVIENTES-R\u00e9gimen legal de los hijos estudiantes \u00a0 PENSION DE SOBREVIVIENTES-Facultad asignada al gobierno es inconstitucional al ser atribuci\u00f3n expresa del legislador \u00a0 DERECHO A LA EDUCACION-Protecci\u00f3n frente a todos los \u00e1mbitos del sistema educativo \u00a0 PENSION DE SOBREVIVIENTES-Imposibilidad del Seguro Social de suspender la prestaci\u00f3n econ\u00f3mica con base en una norma expedida por ...<br \/><div class=\"pt-cv-rmwrap\"><a href=\"https:\/\/www.dmsjuridica.com\/buscador_20179478954\/corteconstitucionalcronologico202454587\/t-602-08\/\" class=\"_self pt-cv-readmore btn btn-success\" target=\"_self\">Ver Sentencia Completa...<\/a><\/div><\/div><\/div><\/div>\n<div class=\"col-md-12 col-sm-12 col-xs-12 pt-cv-content-item pt-cv-1-col\" ><div class='pt-cv-ifield'><a href=\"https:\/\/www.dmsjuridica.com\/buscador_20179478954\/corteconstitucionalcronologico202454587\/t-601-08\/\" class=\"_self pt-cv-href-thumbnail pt-cv-thumb-default\" target=\"_self\" ><\/a>\n<div class=\"pt-cv-taxoterm above_title\"><a href='https:\/\/www.dmsjuridica.com\/buscador_20179478954\/corteconstitucionalcronologico202454587\/category\/buscar-en-toda-la-corte\/2008\/tutelas-2008\/' title='Tutelas 2008' class='pt-cv-tax-tutelas-2008'>Tutelas 2008<\/a><\/div>\n<h4 class=\"pt-cv-title\"><a href=\"https:\/\/www.dmsjuridica.com\/buscador_20179478954\/corteconstitucionalcronologico202454587\/t-601-08\/\" class=\"_self\" target=\"_self\" >T-601-08<\/a><\/h4>\n<div class=\"pt-cv-content\"> ...<br \/><div class=\"pt-cv-rmwrap\"><a href=\"https:\/\/www.dmsjuridica.com\/buscador_20179478954\/corteconstitucionalcronologico202454587\/t-601-08\/\" class=\"_self pt-cv-readmore btn btn-success\" target=\"_self\">Ver Sentencia Completa...<\/a><\/div><\/div><\/div><\/div>\n<div class=\"col-md-12 col-sm-12 col-xs-12 pt-cv-content-item pt-cv-1-col\" ><div class='pt-cv-ifield'><a href=\"https:\/\/www.dmsjuridica.com\/buscador_20179478954\/corteconstitucionalcronologico202454587\/t-600-08\/\" class=\"_self pt-cv-href-thumbnail pt-cv-thumb-default\" target=\"_self\" ><\/a>\n<div class=\"pt-cv-taxoterm above_title\"><a href='https:\/\/www.dmsjuridica.com\/buscador_20179478954\/corteconstitucionalcronologico202454587\/category\/buscar-en-toda-la-corte\/2008\/tutelas-2008\/' title='Tutelas 2008' class='pt-cv-tax-tutelas-2008'>Tutelas 2008<\/a><\/div>\n<h4 class=\"pt-cv-title\"><a href=\"https:\/\/www.dmsjuridica.com\/buscador_20179478954\/corteconstitucionalcronologico202454587\/t-600-08\/\" class=\"_self\" target=\"_self\" >T-600-08<\/a><\/h4>\n<div class=\"pt-cv-content\"> ...<br \/><div class=\"pt-cv-rmwrap\"><a href=\"https:\/\/www.dmsjuridica.com\/buscador_20179478954\/corteconstitucionalcronologico202454587\/t-600-08\/\" class=\"_self pt-cv-readmore btn btn-success\" target=\"_self\">Ver Sentencia Completa...<\/a><\/div><\/div><\/div><\/div>\n<div class=\"col-md-12 col-sm-12 col-xs-12 pt-cv-content-item pt-cv-1-col\" ><div class='pt-cv-ifield'><a href=\"https:\/\/www.dmsjuridica.com\/buscador_20179478954\/corteconstitucionalcronologico202454587\/t-599-08\/\" class=\"_self pt-cv-href-thumbnail pt-cv-thumb-default\" target=\"_self\" ><\/a>\n<div class=\"pt-cv-taxoterm above_title\"><a href='https:\/\/www.dmsjuridica.com\/buscador_20179478954\/corteconstitucionalcronologico202454587\/category\/buscar-en-toda-la-corte\/2008\/tutelas-2008\/' title='Tutelas 2008' class='pt-cv-tax-tutelas-2008'>Tutelas 2008<\/a><\/div>\n<h4 class=\"pt-cv-title\"><a href=\"https:\/\/www.dmsjuridica.com\/buscador_20179478954\/corteconstitucionalcronologico202454587\/t-599-08\/\" class=\"_self\" target=\"_self\" >T-599-08<\/a><\/h4>\n<div class=\"pt-cv-content\"> ...<br \/><div class=\"pt-cv-rmwrap\"><a href=\"https:\/\/www.dmsjuridica.com\/buscador_20179478954\/corteconstitucionalcronologico202454587\/t-599-08\/\" class=\"_self pt-cv-readmore btn btn-success\" target=\"_self\">Ver Sentencia Completa...<\/a><\/div><\/div><\/div><\/div>\n<div class=\"col-md-12 col-sm-12 col-xs-12 pt-cv-content-item pt-cv-1-col\" ><div class='pt-cv-ifield'><a href=\"https:\/\/www.dmsjuridica.com\/buscador_20179478954\/corteconstitucionalcronologico202454587\/t-598-08\/\" class=\"_self pt-cv-href-thumbnail pt-cv-thumb-default\" target=\"_self\" ><\/a>\n<div class=\"pt-cv-taxoterm above_title\"><a href='https:\/\/www.dmsjuridica.com\/buscador_20179478954\/corteconstitucionalcronologico202454587\/category\/buscar-en-toda-la-corte\/2008\/tutelas-2008\/' title='Tutelas 2008' class='pt-cv-tax-tutelas-2008'>Tutelas 2008<\/a><\/div>\n<h4 class=\"pt-cv-title\"><a href=\"https:\/\/www.dmsjuridica.com\/buscador_20179478954\/corteconstitucionalcronologico202454587\/t-598-08\/\" class=\"_self\" target=\"_self\" >T-598-08<\/a><\/h4>\n<div class=\"pt-cv-content\"> ...<br \/><div class=\"pt-cv-rmwrap\"><a href=\"https:\/\/www.dmsjuridica.com\/buscador_20179478954\/corteconstitucionalcronologico202454587\/t-598-08\/\" class=\"_self pt-cv-readmore btn btn-success\" target=\"_self\">Ver Sentencia Completa...<\/a><\/div><\/div><\/div><\/div>\n<div class=\"col-md-12 col-sm-12 col-xs-12 pt-cv-content-item pt-cv-1-col\" ><div class='pt-cv-ifield'><a href=\"https:\/\/www.dmsjuridica.com\/buscador_20179478954\/corteconstitucionalcronologico202454587\/t-597-08\/\" class=\"_self pt-cv-href-thumbnail pt-cv-thumb-default\" target=\"_self\" ><\/a>\n<div class=\"pt-cv-taxoterm above_title\"><a href='https:\/\/www.dmsjuridica.com\/buscador_20179478954\/corteconstitucionalcronologico202454587\/category\/buscar-en-toda-la-corte\/2008\/tutelas-2008\/' title='Tutelas 2008' class='pt-cv-tax-tutelas-2008'>Tutelas 2008<\/a><\/div>\n<h4 class=\"pt-cv-title\"><a href=\"https:\/\/www.dmsjuridica.com\/buscador_20179478954\/corteconstitucionalcronologico202454587\/t-597-08\/\" class=\"_self\" target=\"_self\" >T-597-08<\/a><\/h4>\n<div class=\"pt-cv-content\">\u00a0 \u00a0 {p} \u00a0 T-1.604.674 \u00a0 Sentencia T-597\/08 \u00a0 POBLACION DESPLAZADA-Protecci\u00f3n constitucional\/POBLACION DESPLAZADA-Procedencia de la acci\u00f3n de tutela como mecanismo para la protecci\u00f3n de derechos fundamentales \u00a0 DESPLAZAMIENTO FORZADO-V\u00edctimas adquieren estatus de sujetos de especial protecci\u00f3n constitucional \u00a0 CORTE CONSTITUCIONAL-Declaratoria del estado de cosas inconstitucional en sentencia T-025\/04 \u00a0 POBLACION DESPAZADA-M\u00ednimo de protecci\u00f3n debe ser oportuna y eficazmente garantizado \u00a0 Ese m\u00ednimo de protecci\u00f3n debe ser oportuna y eficazmente garantizado e implica: \u201c(i) que en ning\u00fan caso se puede amenazar el n\u00facleo esencial de los derechos fundamentales constitucionales de las personas desplazadas y (ii) la satisfacci\u00f3n por el Estado del ...<br \/><div class=\"pt-cv-rmwrap\"><a href=\"https:\/\/www.dmsjuridica.com\/buscador_20179478954\/corteconstitucionalcronologico202454587\/t-597-08\/\" class=\"_self pt-cv-readmore btn btn-success\" target=\"_self\">Ver Sentencia Completa...<\/a><\/div><\/div><\/div><\/div>\n<div class=\"col-md-12 col-sm-12 col-xs-12 pt-cv-content-item pt-cv-1-col\" ><div class='pt-cv-ifield'><a href=\"https:\/\/www.dmsjuridica.com\/buscador_20179478954\/corteconstitucionalcronologico202454587\/t-596-08\/\" class=\"_self pt-cv-href-thumbnail pt-cv-thumb-default\" target=\"_self\" ><\/a>\n<div class=\"pt-cv-taxoterm above_title\"><a href='https:\/\/www.dmsjuridica.com\/buscador_20179478954\/corteconstitucionalcronologico202454587\/category\/buscar-en-toda-la-corte\/2008\/tutelas-2008\/' title='Tutelas 2008' class='pt-cv-tax-tutelas-2008'>Tutelas 2008<\/a><\/div>\n<h4 class=\"pt-cv-title\"><a href=\"https:\/\/www.dmsjuridica.com\/buscador_20179478954\/corteconstitucionalcronologico202454587\/t-596-08\/\" class=\"_self\" target=\"_self\" >T-596-08<\/a><\/h4>\n<div class=\"pt-cv-content\">\u00a0 \u00a0 {p} \u00a0 Sentencia T-596\/08 \u00a0 DESPLAZADOS INTERNOS-Derechos m\u00ednimos que se deben garantizar \u00a0 INSCRIPCION EN EL REGISTRO UNICO DE POBLACION DESPLAZADA-Derecho a ser inscrito por ser requisito fundamental para acceder a los derechos que la Constituci\u00f3n y la ley reconocen a quien se encuentra en esa circunstancia \u00a0 ACCION DE TUTELA-Hecho superado por inscripci\u00f3n en el RUPD \u00a0 Referencia: expediente T-1\u00b4598.768 \u00a0 Peticionario: Mariela Mantilla en representaci\u00f3n de sus hijos V\u00edctor Julio Capacho Mantilla y Wilfredo Capacho Mantilla \u00a0 Magistrado Ponente: \u00a0 Dr. MARCO GERARDO MONROY CABRA \u00a0 Bogot\u00e1, D.C., diecinueve (19) de junio de dos mil ocho ...<br \/><div class=\"pt-cv-rmwrap\"><a href=\"https:\/\/www.dmsjuridica.com\/buscador_20179478954\/corteconstitucionalcronologico202454587\/t-596-08\/\" class=\"_self pt-cv-readmore btn btn-success\" target=\"_self\">Ver Sentencia Completa...<\/a><\/div><\/div><\/div><\/div>\n<div class=\"col-md-12 col-sm-12 col-xs-12 pt-cv-content-item pt-cv-1-col\" ><div class='pt-cv-ifield'><a href=\"https:\/\/www.dmsjuridica.com\/buscador_20179478954\/corteconstitucionalcronologico202454587\/t-595-08\/\" class=\"_self pt-cv-href-thumbnail pt-cv-thumb-default\" target=\"_self\" ><\/a>\n<div class=\"pt-cv-taxoterm above_title\"><a href='https:\/\/www.dmsjuridica.com\/buscador_20179478954\/corteconstitucionalcronologico202454587\/category\/buscar-en-toda-la-corte\/2008\/tutelas-2008\/' title='Tutelas 2008' class='pt-cv-tax-tutelas-2008'>Tutelas 2008<\/a><\/div>\n<h4 class=\"pt-cv-title\"><a href=\"https:\/\/www.dmsjuridica.com\/buscador_20179478954\/corteconstitucionalcronologico202454587\/t-595-08\/\" class=\"_self\" target=\"_self\" >T-595-08<\/a><\/h4>\n<div class=\"pt-cv-content\">\u00a0 \u00a0 REPUBLICA DE COLOMBIA \u00a0 \u00a0 CORTE CONSTITUCIONAL \u00a0 Sala S\u00e9ptima de Revisi\u00f3n \u00a0 Sentencia T-595\/08 \u00a0 ACCION DE TUTELA-Subsidiariedad \u00a0 ACCION DE TUTELA TRANSITORIA-Existencia de perjuicio irremediable \u00a0 ACCION DE TUTELA-Controversia para determinar si COMFANDI es o no sujeto pasivo del impuesto a espect\u00e1culos p\u00fablicos \u00a0 CAJA DE COMPENSACION FAMILIAR-Con la medida cautelar no se caus\u00f3 un perjuicio irremediable ya que no se afect\u00f3 el pago de los subsidios en favor de los beneficiarios \u00a0 La medida cautelar efectuada represent\u00f3 el 76.1 % de esa reserva, situaci\u00f3n que permite desvirtuar la existencia de un perjuicio irremediable, pues no ...<br \/><div class=\"pt-cv-rmwrap\"><a href=\"https:\/\/www.dmsjuridica.com\/buscador_20179478954\/corteconstitucionalcronologico202454587\/t-595-08\/\" class=\"_self pt-cv-readmore btn btn-success\" target=\"_self\">Ver Sentencia Completa...<\/a><\/div><\/div><\/div><\/div>\n<div class=\"col-md-12 col-sm-12 col-xs-12 pt-cv-content-item pt-cv-1-col\" ><div class='pt-cv-ifield'><a href=\"https:\/\/www.dmsjuridica.com\/buscador_20179478954\/corteconstitucionalcronologico202454587\/t-594-08\/\" class=\"_self pt-cv-href-thumbnail pt-cv-thumb-default\" target=\"_self\" ><\/a>\n<div class=\"pt-cv-taxoterm above_title\"><a href='https:\/\/www.dmsjuridica.com\/buscador_20179478954\/corteconstitucionalcronologico202454587\/category\/buscar-en-toda-la-corte\/2008\/tutelas-2008\/' title='Tutelas 2008' class='pt-cv-tax-tutelas-2008'>Tutelas 2008<\/a><\/div>\n<h4 class=\"pt-cv-title\"><a href=\"https:\/\/www.dmsjuridica.com\/buscador_20179478954\/corteconstitucionalcronologico202454587\/t-594-08\/\" class=\"_self\" target=\"_self\" >T-594-08<\/a><\/h4>\n<div class=\"pt-cv-content\">\u00a0 \u00a0 Sentencia T-594\/08\u00a0 \u00a0 ACCION DE TUTELA CONTRA PROVIDENCIAS JUDICIALES-Requisitos de procedencia \u00a0 ACCION DE TUTELA-Cumplimiento del requisito de la inmediatez \u00a0 ACCION DE TUTELA-An\u00e1lisis preferente \u00a0 ACCION DE TUTELA-T\u00e9rmino razonable para interponerse \u00a0 ACCION DE TUTELA-Falta de inmediatez no es causal de improcedencia pero si indicio de inexistencia de perjuicio irremediable frente a existencia de otro mecanismo de protecci\u00f3n judicial \u00a0 PRINCIPIO DE INMEDIATEZ-Juez debe analizar si tardanza en interposici\u00f3n de tutela esta suficientemente justificada \u00a0 ACCION DE TUTELA-Terminaci\u00f3n contrato de trabajo sin justa causa y sin cancelaci\u00f3n de prestaciones sociales \u00a0 ACCION DE TUTELA CONTRA CORTE SUPREMA ...<br \/><div class=\"pt-cv-rmwrap\"><a href=\"https:\/\/www.dmsjuridica.com\/buscador_20179478954\/corteconstitucionalcronologico202454587\/t-594-08\/\" class=\"_self pt-cv-readmore btn btn-success\" target=\"_self\">Ver Sentencia Completa...<\/a><\/div><\/div><\/div><\/div>\n<div class=\"col-md-12 col-sm-12 col-xs-12 pt-cv-content-item pt-cv-1-col\" ><div class='pt-cv-ifield'><a href=\"https:\/\/www.dmsjuridica.com\/buscador_20179478954\/corteconstitucionalcronologico202454587\/t-593-08\/\" class=\"_self pt-cv-href-thumbnail pt-cv-thumb-default\" target=\"_self\" ><\/a>\n<div class=\"pt-cv-taxoterm above_title\"><a href='https:\/\/www.dmsjuridica.com\/buscador_20179478954\/corteconstitucionalcronologico202454587\/category\/buscar-en-toda-la-corte\/2008\/tutelas-2008\/' title='Tutelas 2008' class='pt-cv-tax-tutelas-2008'>Tutelas 2008<\/a><\/div>\n<h4 class=\"pt-cv-title\"><a href=\"https:\/\/www.dmsjuridica.com\/buscador_20179478954\/corteconstitucionalcronologico202454587\/t-593-08\/\" class=\"_self\" target=\"_self\" >T-593-08<\/a><\/h4>\n<div class=\"pt-cv-content\">\u00a0 \u00a0 Sentencia T-593\/08 \u00a0 INAPLICACION DE NORMAS DEL PLAN OBLIGATORIO DE SALUD-Casos en que procede \u00a0 ACCION DE TUTELA Y DERECHO AL DIAGNOSTICO-Orden de reunir un comit\u00e9 de m\u00e9dicos especialistas para que determine con precisi\u00f3n el diagn\u00f3stico y determine las posibilidades de tratamiento \u00a0 Referencia: expediente T-1.820.603 \u00a0 Acci\u00f3n de tutela instaurada por Tatiana Anuff Cruz en contra de EPS Sanitas.\u00a0 \u00a0 Magistrado Ponente:\u00a0 \u00a0 Dr. JAIME C\u00d3RDOBA TRIVI\u00d1O \u00a0 Bogot\u00e1, DC., diecinueve (19) de junio de dos mil ocho (2008). \u00a0 La Sala Tercera de Revisi\u00f3n de la Corte Constitucional, integrada por los magistrados Jaime C\u00f3rdoba Trivi\u00f1o, Rodrigo ...<br \/><div class=\"pt-cv-rmwrap\"><a href=\"https:\/\/www.dmsjuridica.com\/buscador_20179478954\/corteconstitucionalcronologico202454587\/t-593-08\/\" class=\"_self pt-cv-readmore btn btn-success\" target=\"_self\">Ver Sentencia Completa...<\/a><\/div><\/div><\/div><\/div>\n<div class=\"col-md-12 col-sm-12 col-xs-12 pt-cv-content-item pt-cv-1-col\" ><div class='pt-cv-ifield'><a href=\"https:\/\/www.dmsjuridica.com\/buscador_20179478954\/corteconstitucionalcronologico202454587\/t-592-08\/\" class=\"_self pt-cv-href-thumbnail pt-cv-thumb-default\" target=\"_self\" ><\/a>\n<div class=\"pt-cv-taxoterm above_title\"><a href='https:\/\/www.dmsjuridica.com\/buscador_20179478954\/corteconstitucionalcronologico202454587\/category\/buscar-en-toda-la-corte\/2008\/tutelas-2008\/' title='Tutelas 2008' class='pt-cv-tax-tutelas-2008'>Tutelas 2008<\/a><\/div>\n<h4 class=\"pt-cv-title\"><a href=\"https:\/\/www.dmsjuridica.com\/buscador_20179478954\/corteconstitucionalcronologico202454587\/t-592-08\/\" class=\"_self\" target=\"_self\" >T-592-08<\/a><\/h4>\n<div class=\"pt-cv-content\">\u00a0 \u00a0 Sentencia T-592\/08\u00a0 \u00a0 PENSION DE JUBILACION-Imprescriptibilidad \u00a0 PENSION DE SOBREVIVIENTES-Orden de beneficiarios en fuerzas militares \u00a0 ACCION DE TUTELA PARA RECONOCIMIENTO DE PENSION DE SOBREVIVIENTES-Procedencia \u00a0 DERECHO DE LA VIUDA A RECIBIR PENSION DE SOBREVIVIENTE-Nuevo matrimonio\/EXCEPCION DE INCONSTITUCIONALIDAD \u00a0 DERECHO A LA IGUALDAD EN PENSION DE SOBREVIVIENTES EN LAS FUERZAS MILITARES Y DE LA POLICIA NACIONAL-Violaci\u00f3n por extinci\u00f3n del derecho al contraer nuevas nupcias o hacer vida marital\/DERECHO AL LIBRE DESARROLLO DE LA PERSONALIDAD EN PENSION DE SOBREVIVIENTES EN LAS FUERZAS MILITARES Y DE LA POLICIA NACIONAL-Violaci\u00f3n por extinci\u00f3n del derecho al contraer nuevas nupcias o hacer vida ...<br \/><div class=\"pt-cv-rmwrap\"><a href=\"https:\/\/www.dmsjuridica.com\/buscador_20179478954\/corteconstitucionalcronologico202454587\/t-592-08\/\" class=\"_self pt-cv-readmore btn btn-success\" target=\"_self\">Ver Sentencia Completa...<\/a><\/div><\/div><\/div><\/div>\n<div class=\"col-md-12 col-sm-12 col-xs-12 pt-cv-content-item pt-cv-1-col\" ><div class='pt-cv-ifield'><a href=\"https:\/\/www.dmsjuridica.com\/buscador_20179478954\/corteconstitucionalcronologico202454587\/t-591-08\/\" class=\"_self pt-cv-href-thumbnail pt-cv-thumb-default\" target=\"_self\" ><\/a>\n<div class=\"pt-cv-taxoterm above_title\"><a href='https:\/\/www.dmsjuridica.com\/buscador_20179478954\/corteconstitucionalcronologico202454587\/category\/buscar-en-toda-la-corte\/2008\/tutelas-2008\/' title='Tutelas 2008' class='pt-cv-tax-tutelas-2008'>Tutelas 2008<\/a><\/div>\n<h4 class=\"pt-cv-title\"><a href=\"https:\/\/www.dmsjuridica.com\/buscador_20179478954\/corteconstitucionalcronologico202454587\/t-591-08\/\" class=\"_self\" target=\"_self\" >T-591-08<\/a><\/h4>\n<div class=\"pt-cv-content\">\u00a0 \u00a0 Sentencia T-591\/08 \u00a0 SENTENCIA DE REVISION DE TUTELA-Fallecimiento de actor no exime pronunciamiento de fondo\/SENTENCIA DE REVISION DE TUTELA-Carencia actual de objeto no exime pronunciamiento de fondo \u00a0 INAPLICACION DE NORMAS DEL PLAN OBLIGATORIO DE SALUD-Casos en que procede \u00a0 JUEZ DE TUTELA-Deber y facultad de decretar pruebas para la protecci\u00f3n de derechos fundamentales \u00a0 ACCION DE TUTELA CONTRA ENTIDAD PROMOTORA DE SALUD-Deber de suministrar silla de ruedas, servicio de ambulancia, pa\u00f1ales y servicio de enfermer\u00eda domiciliaria \u00a0 Reiteraci\u00f3n de Jurisprudencia \u00a0 Referencia: expediente T-1817269 \u00a0 Acci\u00f3n de tutela instaurada por Jos\u00e9 Eleuterio Pacanchique Avila como agente oficioso ...<br \/><div class=\"pt-cv-rmwrap\"><a href=\"https:\/\/www.dmsjuridica.com\/buscador_20179478954\/corteconstitucionalcronologico202454587\/t-591-08\/\" class=\"_self pt-cv-readmore btn btn-success\" target=\"_self\">Ver Sentencia Completa...<\/a><\/div><\/div><\/div><\/div>\n<div class=\"col-md-12 col-sm-12 col-xs-12 pt-cv-content-item pt-cv-1-col\" ><div class='pt-cv-ifield'><a href=\"https:\/\/www.dmsjuridica.com\/buscador_20179478954\/corteconstitucionalcronologico202454587\/t-590-08\/\" class=\"_self pt-cv-href-thumbnail pt-cv-thumb-default\" target=\"_self\" ><\/a>\n<div class=\"pt-cv-taxoterm above_title\"><a href='https:\/\/www.dmsjuridica.com\/buscador_20179478954\/corteconstitucionalcronologico202454587\/category\/buscar-en-toda-la-corte\/2008\/tutelas-2008\/' title='Tutelas 2008' class='pt-cv-tax-tutelas-2008'>Tutelas 2008<\/a><\/div>\n<h4 class=\"pt-cv-title\"><a href=\"https:\/\/www.dmsjuridica.com\/buscador_20179478954\/corteconstitucionalcronologico202454587\/t-590-08\/\" class=\"_self\" target=\"_self\" >T-590-08<\/a><\/h4>\n<div class=\"pt-cv-content\"> ...<br \/><div class=\"pt-cv-rmwrap\"><a href=\"https:\/\/www.dmsjuridica.com\/buscador_20179478954\/corteconstitucionalcronologico202454587\/t-590-08\/\" class=\"_self pt-cv-readmore btn btn-success\" target=\"_self\">Ver Sentencia Completa...<\/a><\/div><\/div><\/div><\/div>\n<div class=\"col-md-12 col-sm-12 col-xs-12 pt-cv-content-item pt-cv-1-col\" ><div class='pt-cv-ifield'><a href=\"https:\/\/www.dmsjuridica.com\/buscador_20179478954\/corteconstitucionalcronologico202454587\/t-589-08\/\" class=\"_self pt-cv-href-thumbnail pt-cv-thumb-default\" target=\"_self\" ><\/a>\n<div class=\"pt-cv-taxoterm above_title\"><a href='https:\/\/www.dmsjuridica.com\/buscador_20179478954\/corteconstitucionalcronologico202454587\/category\/buscar-en-toda-la-corte\/2008\/tutelas-2008\/' title='Tutelas 2008' class='pt-cv-tax-tutelas-2008'>Tutelas 2008<\/a><\/div>\n<h4 class=\"pt-cv-title\"><a href=\"https:\/\/www.dmsjuridica.com\/buscador_20179478954\/corteconstitucionalcronologico202454587\/t-589-08\/\" class=\"_self\" target=\"_self\" >T-589-08<\/a><\/h4>\n<div class=\"pt-cv-content\"> ...<br \/><div class=\"pt-cv-rmwrap\"><a href=\"https:\/\/www.dmsjuridica.com\/buscador_20179478954\/corteconstitucionalcronologico202454587\/t-589-08\/\" class=\"_self pt-cv-readmore btn btn-success\" target=\"_self\">Ver Sentencia Completa...<\/a><\/div><\/div><\/div><\/div>\n<div class=\"col-md-12 col-sm-12 col-xs-12 pt-cv-content-item pt-cv-1-col\" ><div class='pt-cv-ifield'><a href=\"https:\/\/www.dmsjuridica.com\/buscador_20179478954\/corteconstitucionalcronologico202454587\/t-588-08\/\" class=\"_self pt-cv-href-thumbnail pt-cv-thumb-default\" target=\"_self\" ><\/a>\n<div class=\"pt-cv-taxoterm above_title\"><a href='https:\/\/www.dmsjuridica.com\/buscador_20179478954\/corteconstitucionalcronologico202454587\/category\/buscar-en-toda-la-corte\/2008\/tutelas-2008\/' title='Tutelas 2008' class='pt-cv-tax-tutelas-2008'>Tutelas 2008<\/a><\/div>\n<h4 class=\"pt-cv-title\"><a href=\"https:\/\/www.dmsjuridica.com\/buscador_20179478954\/corteconstitucionalcronologico202454587\/t-588-08\/\" class=\"_self\" target=\"_self\" >T-588-08<\/a><\/h4>\n<div class=\"pt-cv-content\"> ...<br \/><div class=\"pt-cv-rmwrap\"><a href=\"https:\/\/www.dmsjuridica.com\/buscador_20179478954\/corteconstitucionalcronologico202454587\/t-588-08\/\" class=\"_self pt-cv-readmore btn btn-success\" target=\"_self\">Ver Sentencia Completa...<\/a><\/div><\/div><\/div><\/div>\n<div class=\"col-md-12 col-sm-12 col-xs-12 pt-cv-content-item pt-cv-1-col\" ><div class='pt-cv-ifield'><a href=\"https:\/\/www.dmsjuridica.com\/buscador_20179478954\/corteconstitucionalcronologico202454587\/t-587-08\/\" class=\"_self pt-cv-href-thumbnail pt-cv-thumb-default\" target=\"_self\" ><\/a>\n<div class=\"pt-cv-taxoterm above_title\"><a href='https:\/\/www.dmsjuridica.com\/buscador_20179478954\/corteconstitucionalcronologico202454587\/category\/buscar-en-toda-la-corte\/2008\/tutelas-2008\/' title='Tutelas 2008' class='pt-cv-tax-tutelas-2008'>Tutelas 2008<\/a><\/div>\n<h4 class=\"pt-cv-title\"><a href=\"https:\/\/www.dmsjuridica.com\/buscador_20179478954\/corteconstitucionalcronologico202454587\/t-587-08\/\" class=\"_self\" target=\"_self\" >T-587-08<\/a><\/h4>\n<div class=\"pt-cv-content\"> ...<br \/><div class=\"pt-cv-rmwrap\"><a href=\"https:\/\/www.dmsjuridica.com\/buscador_20179478954\/corteconstitucionalcronologico202454587\/t-587-08\/\" class=\"_self pt-cv-readmore btn btn-success\" target=\"_self\">Ver Sentencia Completa...<\/a><\/div><\/div><\/div><\/div>\n<div class=\"col-md-12 col-sm-12 col-xs-12 pt-cv-content-item pt-cv-1-col\" ><div class='pt-cv-ifield'><a href=\"https:\/\/www.dmsjuridica.com\/buscador_20179478954\/corteconstitucionalcronologico202454587\/t-586-08\/\" class=\"_self pt-cv-href-thumbnail pt-cv-thumb-default\" target=\"_self\" ><\/a>\n<div class=\"pt-cv-taxoterm above_title\"><a href='https:\/\/www.dmsjuridica.com\/buscador_20179478954\/corteconstitucionalcronologico202454587\/category\/buscar-en-toda-la-corte\/2008\/tutelas-2008\/' title='Tutelas 2008' class='pt-cv-tax-tutelas-2008'>Tutelas 2008<\/a><\/div>\n<h4 class=\"pt-cv-title\"><a href=\"https:\/\/www.dmsjuridica.com\/buscador_20179478954\/corteconstitucionalcronologico202454587\/t-586-08\/\" class=\"_self\" target=\"_self\" >T-586-08<\/a><\/h4>\n<div class=\"pt-cv-content\"> ...<br \/><div class=\"pt-cv-rmwrap\"><a href=\"https:\/\/www.dmsjuridica.com\/buscador_20179478954\/corteconstitucionalcronologico202454587\/t-586-08\/\" class=\"_self pt-cv-readmore btn btn-success\" target=\"_self\">Ver Sentencia Completa...<\/a><\/div><\/div><\/div><\/div>\n<div class=\"col-md-12 col-sm-12 col-xs-12 pt-cv-content-item pt-cv-1-col\" ><div class='pt-cv-ifield'><a href=\"https:\/\/www.dmsjuridica.com\/buscador_20179478954\/corteconstitucionalcronologico202454587\/t-585-08\/\" class=\"_self pt-cv-href-thumbnail pt-cv-thumb-default\" target=\"_self\" ><\/a>\n<div class=\"pt-cv-taxoterm above_title\"><a href='https:\/\/www.dmsjuridica.com\/buscador_20179478954\/corteconstitucionalcronologico202454587\/category\/buscar-en-toda-la-corte\/2008\/tutelas-2008\/' title='Tutelas 2008' class='pt-cv-tax-tutelas-2008'>Tutelas 2008<\/a><\/div>\n<h4 class=\"pt-cv-title\"><a href=\"https:\/\/www.dmsjuridica.com\/buscador_20179478954\/corteconstitucionalcronologico202454587\/t-585-08\/\" class=\"_self\" target=\"_self\" >T-585-08<\/a><\/h4>\n<div class=\"pt-cv-content\">\u00a0 \u00a0 Sentencia T-585\/08 \u00a0 ACCION DE TUTELA CONTRA LA DIRECCION DE ATENCION Y PREVENCION DE EMERGENCIAS-Solicitud inclusi\u00f3n en el programa de reubicaci\u00f3n o reasentamiento de familias ubicadas en zonas de alto riesgo \u00a0 ESTADO SOCIAL DE DERECHO-Compromiso de la organizaci\u00f3n estatal con la garant\u00eda efectiva de los derechos econ\u00f3micos, sociales y culturales para garantizar la igualdad entre los asociados \u00a0 DERECHOS ECONOMICOS, SOCIALES Y CULTURALES-Traducen necesidades desconocidas respecto de sujetos privados del ejercicio de la libertad\/LIBERTAD-Reconoce como prerrequisito la igualdad con la intenci\u00f3n de asegurar una vida en condiciones dignas \u00a0 DERECHO A LA VIVIENDA DIGNA-Definici\u00f3n \u00a0 DERECHO A ...<br \/><div class=\"pt-cv-rmwrap\"><a href=\"https:\/\/www.dmsjuridica.com\/buscador_20179478954\/corteconstitucionalcronologico202454587\/t-585-08\/\" class=\"_self pt-cv-readmore btn btn-success\" target=\"_self\">Ver Sentencia Completa...<\/a><\/div><\/div><\/div><\/div>\n<div class=\"col-md-12 col-sm-12 col-xs-12 pt-cv-content-item pt-cv-1-col\" ><div class='pt-cv-ifield'><a href=\"https:\/\/www.dmsjuridica.com\/buscador_20179478954\/corteconstitucionalcronologico202454587\/t-584-08\/\" class=\"_self pt-cv-href-thumbnail pt-cv-thumb-default\" target=\"_self\" ><\/a>\n<div class=\"pt-cv-taxoterm above_title\"><a href='https:\/\/www.dmsjuridica.com\/buscador_20179478954\/corteconstitucionalcronologico202454587\/category\/buscar-en-toda-la-corte\/2008\/tutelas-2008\/' title='Tutelas 2008' class='pt-cv-tax-tutelas-2008'>Tutelas 2008<\/a><\/div>\n<h4 class=\"pt-cv-title\"><a href=\"https:\/\/www.dmsjuridica.com\/buscador_20179478954\/corteconstitucionalcronologico202454587\/t-584-08\/\" class=\"_self\" target=\"_self\" >T-584-08<\/a><\/h4>\n<div class=\"pt-cv-content\">\u00a0 \u00a0 Sentencia T-584\/08 \u00a0 ACCION DE TUTELA CONTRA PROVIDENCIAS JUDICIALES-Car\u00e1cter excepcional\u00a0 \u00a0 VIA DE HECHO EN PROVIDENCIAS JUDICIALES-Evoluci\u00f3n jurisprudencial \u00a0 ACCION DE TUTELA CONTRA PROVIDENCIAS JUDICIALES-Requisitos generales \u00a0 ACCION DE TUTELA CONTRA PROVIDENCIAS JUDICIALES-Clases de defectos \u00a0 DEFECTO SUSTANTIVO-Configuraci\u00f3n \u00a0 DEFECTO FACTICO-Configuraci\u00f3n \u00a0 DEFECTO FACTICO-Dimensiones \u00a0 DERECHO A LA PERSONALIDAD JURIDICA-Filiaci\u00f3n \u00a0 DERECHO A LA FILIACION-Atributo de la personalidad \u00a0 DERECHO DE FILIACION-Fuentes normativas \u00a0 En cuanto a las fuentes normativas del derecho fundamental innominado a la filiaci\u00f3n la jurisprudencia ha citado entre otras disposiciones constitucionales los art\u00edculos 14, que reconoce el derecho a la personalidad jur\u00eddica; 42, que ...<br \/><div class=\"pt-cv-rmwrap\"><a href=\"https:\/\/www.dmsjuridica.com\/buscador_20179478954\/corteconstitucionalcronologico202454587\/t-584-08\/\" class=\"_self pt-cv-readmore btn btn-success\" target=\"_self\">Ver Sentencia Completa...<\/a><\/div><\/div><\/div><\/div>\n<div class=\"col-md-12 col-sm-12 col-xs-12 pt-cv-content-item pt-cv-1-col\" ><div class='pt-cv-ifield'><a href=\"https:\/\/www.dmsjuridica.com\/buscador_20179478954\/corteconstitucionalcronologico202454587\/t-583-08\/\" class=\"_self pt-cv-href-thumbnail pt-cv-thumb-default\" target=\"_self\" ><\/a>\n<div class=\"pt-cv-taxoterm above_title\"><a href='https:\/\/www.dmsjuridica.com\/buscador_20179478954\/corteconstitucionalcronologico202454587\/category\/buscar-en-toda-la-corte\/2008\/tutelas-2008\/' title='Tutelas 2008' class='pt-cv-tax-tutelas-2008'>Tutelas 2008<\/a><\/div>\n<h4 class=\"pt-cv-title\"><a href=\"https:\/\/www.dmsjuridica.com\/buscador_20179478954\/corteconstitucionalcronologico202454587\/t-583-08\/\" class=\"_self\" target=\"_self\" >T-583-08<\/a><\/h4>\n<div class=\"pt-cv-content\">\u00a0 \u00a0 Sentencia T-583\/08 \u00a0 INAPLICACION DE NORMAS DEL PLAN OBLIGATORIO DE SALUD-Condiciones en que procede por exclusi\u00f3n de medicamentos en el POSS \u00a0 PRESUNCION DE VERACIDAD DE INCAPACIDAD ECONOMICA-Beneficiarios del Sisb\u00e9n \u00a0 ACCION DE TUTELA-Inexistencia de temeridad por cuando ha sido presentada por personas puestas en situaciones de necesidad, que carecen de los conocimientos suficientes o que no cuentan con apoyo o la asesor\u00eda indispensable \u00a0 DERECHO A LA SALUD DEL MENOR-Tratamiento a base de toxina butol\u00ednica \u00a0 Referencia: expediente T-1.816.595 \u00a0 Acci\u00f3n de tutela instaurada por Rosalbina Mu\u00f1oz Rengifo contra EMSSANAR E. S. S. \u00a0 Magistrado Ponente: \u00a0 ...<br \/><div class=\"pt-cv-rmwrap\"><a href=\"https:\/\/www.dmsjuridica.com\/buscador_20179478954\/corteconstitucionalcronologico202454587\/t-583-08\/\" class=\"_self pt-cv-readmore btn btn-success\" target=\"_self\">Ver Sentencia Completa...<\/a><\/div><\/div><\/div><\/div>\n<div class=\"col-md-12 col-sm-12 col-xs-12 pt-cv-content-item pt-cv-1-col\" ><div class='pt-cv-ifield'><a href=\"https:\/\/www.dmsjuridica.com\/buscador_20179478954\/corteconstitucionalcronologico202454587\/t-582-08\/\" class=\"_self pt-cv-href-thumbnail pt-cv-thumb-default\" target=\"_self\" ><\/a>\n<div class=\"pt-cv-taxoterm above_title\"><a href='https:\/\/www.dmsjuridica.com\/buscador_20179478954\/corteconstitucionalcronologico202454587\/category\/buscar-en-toda-la-corte\/2008\/tutelas-2008\/' title='Tutelas 2008' class='pt-cv-tax-tutelas-2008'>Tutelas 2008<\/a><\/div>\n<h4 class=\"pt-cv-title\"><a href=\"https:\/\/www.dmsjuridica.com\/buscador_20179478954\/corteconstitucionalcronologico202454587\/t-582-08\/\" class=\"_self\" target=\"_self\" >T-582-08<\/a><\/h4>\n<div class=\"pt-cv-content\"> ...<br \/><div class=\"pt-cv-rmwrap\"><a href=\"https:\/\/www.dmsjuridica.com\/buscador_20179478954\/corteconstitucionalcronologico202454587\/t-582-08\/\" class=\"_self pt-cv-readmore btn btn-success\" target=\"_self\">Ver Sentencia Completa...<\/a><\/div><\/div><\/div><\/div>\n<div class=\"col-md-12 col-sm-12 col-xs-12 pt-cv-content-item pt-cv-1-col\" ><div class='pt-cv-ifield'><a href=\"https:\/\/www.dmsjuridica.com\/buscador_20179478954\/corteconstitucionalcronologico202454587\/t-581-08\/\" class=\"_self pt-cv-href-thumbnail pt-cv-thumb-default\" target=\"_self\" ><\/a>\n<div class=\"pt-cv-taxoterm above_title\"><a href='https:\/\/www.dmsjuridica.com\/buscador_20179478954\/corteconstitucionalcronologico202454587\/category\/buscar-en-toda-la-corte\/2008\/tutelas-2008\/' title='Tutelas 2008' class='pt-cv-tax-tutelas-2008'>Tutelas 2008<\/a><\/div>\n<h4 class=\"pt-cv-title\"><a href=\"https:\/\/www.dmsjuridica.com\/buscador_20179478954\/corteconstitucionalcronologico202454587\/t-581-08\/\" class=\"_self\" target=\"_self\" >T-581-08<\/a><\/h4>\n<div class=\"pt-cv-content\">\u00a0 \u00a0 Sentencia T-581\/08 \u00a0 ACCION DE TUTELA CONTRA EMPRESA DE SERVICIOS PUBLICOS DOMICILIARIOS-Conexidad con derechos fundamentales \u00a0 CONTRATO DE PRESTACION DE SERVICIOS PUBLICOS DOMICILIARIOS-Solidaridad \u00a0 EMPRESA DE SERVICIOS PUBLICOS DOMICILIARIOS-Ruptura de la solidaridad y liquidaci\u00f3n a cargo del propietario solo de las tres primeras facturas \u00a0 SERVICIOS PUBLICOS DOMICILIARIOS-Efectos por el incumplimiento en el pago de facturas \u00a0 EMPRESA DE SERVICIOS PUBLICOS DOMICILIARIOS-Negligencia de ELECTRICARIBE da lugar al rompimiento de la solidaridad entre el usuario del servicio y el propietario \u00a0 Referencia: expediente T- 1.798.815 \u00a0 Acci\u00f3n de tutela interpuesta por Berlys del Carmen Roa Escobar contra La Electrificadora ...<br \/><div class=\"pt-cv-rmwrap\"><a href=\"https:\/\/www.dmsjuridica.com\/buscador_20179478954\/corteconstitucionalcronologico202454587\/t-581-08\/\" class=\"_self pt-cv-readmore btn btn-success\" target=\"_self\">Ver Sentencia Completa...<\/a><\/div><\/div><\/div><\/div>\n<div class=\"col-md-12 col-sm-12 col-xs-12 pt-cv-content-item pt-cv-1-col\" ><div class='pt-cv-ifield'><a href=\"https:\/\/www.dmsjuridica.com\/buscador_20179478954\/corteconstitucionalcronologico202454587\/t-580-08\/\" class=\"_self pt-cv-href-thumbnail pt-cv-thumb-default\" target=\"_self\" ><\/a>\n<div class=\"pt-cv-taxoterm above_title\"><a href='https:\/\/www.dmsjuridica.com\/buscador_20179478954\/corteconstitucionalcronologico202454587\/category\/buscar-en-toda-la-corte\/2008\/tutelas-2008\/' title='Tutelas 2008' class='pt-cv-tax-tutelas-2008'>Tutelas 2008<\/a><\/div>\n<h4 class=\"pt-cv-title\"><a href=\"https:\/\/www.dmsjuridica.com\/buscador_20179478954\/corteconstitucionalcronologico202454587\/t-580-08\/\" class=\"_self\" target=\"_self\" >T-580-08<\/a><\/h4>\n<div class=\"pt-cv-content\">\u00a0 \u00a0 Sentencia T-580\/08 \u00a0 ACCION DE TUTELA CONTRA PROVIDENCIAS JUDICIALES POR VIA DE HECHO-Causales gen\u00e9ricas de procedibilidad \u00a0 ACCION DE TUTELA CONTRA PROVIDENCIAS JUDICIALES-Evoluci\u00f3n jurisprudencial \u00a0 PRECEDENTE JUDICIAL-Presupuestos para la correcta utilizaci\u00f3n \u00a0 ACCION DE TUTELA CONTRA PROVIDENCIAS JUDICIALES-Requisitos \u00a0 Referencia: expediente \u00a0T- 1549948 \u00a0 Acci\u00f3n de tutela instaurada por Alberto Sigifredo Chamorro Rivas contra la Secci\u00f3n Segunda, Subsecci\u00f3n B, del Consejo de Estado, el Tribunal Administrativo de Nari\u00f1o y la Fiscal\u00eda General de la Naci\u00f3n. \u00a0 Magistrado Ponente:\u00a0 \u00a0 Dr. HUMBERTO ANTONIO SIERRA PORTO \u00a0 Bogot\u00e1, D.C., doce (12) de junio de dos mil ocho (2008). \u00a0 La ...<br \/><div class=\"pt-cv-rmwrap\"><a href=\"https:\/\/www.dmsjuridica.com\/buscador_20179478954\/corteconstitucionalcronologico202454587\/t-580-08\/\" class=\"_self pt-cv-readmore btn btn-success\" target=\"_self\">Ver Sentencia Completa...<\/a><\/div><\/div><\/div><\/div>\n<div class=\"col-md-12 col-sm-12 col-xs-12 pt-cv-content-item pt-cv-1-col\" ><div class='pt-cv-ifield'><a href=\"https:\/\/www.dmsjuridica.com\/buscador_20179478954\/corteconstitucionalcronologico202454587\/t-579-08\/\" class=\"_self pt-cv-href-thumbnail pt-cv-thumb-default\" target=\"_self\" ><\/a>\n<div class=\"pt-cv-taxoterm above_title\"><a href='https:\/\/www.dmsjuridica.com\/buscador_20179478954\/corteconstitucionalcronologico202454587\/category\/buscar-en-toda-la-corte\/2008\/tutelas-2008\/' title='Tutelas 2008' class='pt-cv-tax-tutelas-2008'>Tutelas 2008<\/a><\/div>\n<h4 class=\"pt-cv-title\"><a href=\"https:\/\/www.dmsjuridica.com\/buscador_20179478954\/corteconstitucionalcronologico202454587\/t-579-08\/\" class=\"_self\" target=\"_self\" >T-579-08<\/a><\/h4>\n<div class=\"pt-cv-content\"> ...<br \/><div class=\"pt-cv-rmwrap\"><a href=\"https:\/\/www.dmsjuridica.com\/buscador_20179478954\/corteconstitucionalcronologico202454587\/t-579-08\/\" class=\"_self pt-cv-readmore btn btn-success\" target=\"_self\">Ver Sentencia Completa...<\/a><\/div><\/div><\/div><\/div>\n<div class=\"col-md-12 col-sm-12 col-xs-12 pt-cv-content-item pt-cv-1-col\" ><div class='pt-cv-ifield'><a href=\"https:\/\/www.dmsjuridica.com\/buscador_20179478954\/corteconstitucionalcronologico202454587\/t-578-08\/\" class=\"_self pt-cv-href-thumbnail pt-cv-thumb-default\" target=\"_self\" ><\/a>\n<div class=\"pt-cv-taxoterm above_title\"><a href='https:\/\/www.dmsjuridica.com\/buscador_20179478954\/corteconstitucionalcronologico202454587\/category\/buscar-en-toda-la-corte\/2008\/tutelas-2008\/' title='Tutelas 2008' class='pt-cv-tax-tutelas-2008'>Tutelas 2008<\/a><\/div>\n<h4 class=\"pt-cv-title\"><a href=\"https:\/\/www.dmsjuridica.com\/buscador_20179478954\/corteconstitucionalcronologico202454587\/t-578-08\/\" class=\"_self\" target=\"_self\" >T-578-08<\/a><\/h4>\n<div class=\"pt-cv-content\"> ...<br \/><div class=\"pt-cv-rmwrap\"><a href=\"https:\/\/www.dmsjuridica.com\/buscador_20179478954\/corteconstitucionalcronologico202454587\/t-578-08\/\" class=\"_self pt-cv-readmore btn btn-success\" target=\"_self\">Ver Sentencia Completa...<\/a><\/div><\/div><\/div><\/div>\n<div class=\"col-md-12 col-sm-12 col-xs-12 pt-cv-content-item pt-cv-1-col\" ><div class='pt-cv-ifield'><a href=\"https:\/\/www.dmsjuridica.com\/buscador_20179478954\/corteconstitucionalcronologico202454587\/t-577-08\/\" class=\"_self pt-cv-href-thumbnail pt-cv-thumb-default\" target=\"_self\" ><\/a>\n<div class=\"pt-cv-taxoterm above_title\"><a href='https:\/\/www.dmsjuridica.com\/buscador_20179478954\/corteconstitucionalcronologico202454587\/category\/buscar-en-toda-la-corte\/2008\/tutelas-2008\/' title='Tutelas 2008' class='pt-cv-tax-tutelas-2008'>Tutelas 2008<\/a><\/div>\n<h4 class=\"pt-cv-title\"><a href=\"https:\/\/www.dmsjuridica.com\/buscador_20179478954\/corteconstitucionalcronologico202454587\/t-577-08\/\" class=\"_self\" target=\"_self\" >T-577-08<\/a><\/h4>\n<div class=\"pt-cv-content\"> ...<br \/><div class=\"pt-cv-rmwrap\"><a href=\"https:\/\/www.dmsjuridica.com\/buscador_20179478954\/corteconstitucionalcronologico202454587\/t-577-08\/\" class=\"_self pt-cv-readmore btn btn-success\" target=\"_self\">Ver Sentencia Completa...<\/a><\/div><\/div><\/div><\/div>\n<div class=\"col-md-12 col-sm-12 col-xs-12 pt-cv-content-item pt-cv-1-col\" ><div class='pt-cv-ifield'><a href=\"https:\/\/www.dmsjuridica.com\/buscador_20179478954\/corteconstitucionalcronologico202454587\/t-576-08\/\" class=\"_self pt-cv-href-thumbnail pt-cv-thumb-default\" target=\"_self\" ><\/a>\n<div class=\"pt-cv-taxoterm above_title\"><a href='https:\/\/www.dmsjuridica.com\/buscador_20179478954\/corteconstitucionalcronologico202454587\/category\/buscar-en-toda-la-corte\/2008\/tutelas-2008\/' title='Tutelas 2008' class='pt-cv-tax-tutelas-2008'>Tutelas 2008<\/a><\/div>\n<h4 class=\"pt-cv-title\"><a href=\"https:\/\/www.dmsjuridica.com\/buscador_20179478954\/corteconstitucionalcronologico202454587\/t-576-08\/\" class=\"_self\" target=\"_self\" >T-576-08<\/a><\/h4>\n<div class=\"pt-cv-content\"> ...<br \/><div class=\"pt-cv-rmwrap\"><a href=\"https:\/\/www.dmsjuridica.com\/buscador_20179478954\/corteconstitucionalcronologico202454587\/t-576-08\/\" class=\"_self pt-cv-readmore btn btn-success\" target=\"_self\">Ver Sentencia Completa...<\/a><\/div><\/div><\/div><\/div>\n<div class=\"col-md-12 col-sm-12 col-xs-12 pt-cv-content-item pt-cv-1-col\" ><div class='pt-cv-ifield'><a href=\"https:\/\/www.dmsjuridica.com\/buscador_20179478954\/corteconstitucionalcronologico202454587\/t-575-08\/\" class=\"_self pt-cv-href-thumbnail pt-cv-thumb-default\" target=\"_self\" ><\/a>\n<div class=\"pt-cv-taxoterm above_title\"><a href='https:\/\/www.dmsjuridica.com\/buscador_20179478954\/corteconstitucionalcronologico202454587\/category\/buscar-en-toda-la-corte\/2008\/tutelas-2008\/' title='Tutelas 2008' class='pt-cv-tax-tutelas-2008'>Tutelas 2008<\/a><\/div>\n<h4 class=\"pt-cv-title\"><a href=\"https:\/\/www.dmsjuridica.com\/buscador_20179478954\/corteconstitucionalcronologico202454587\/t-575-08\/\" class=\"_self\" target=\"_self\" >T-575-08<\/a><\/h4>\n<div class=\"pt-cv-content\"> ...<br \/><div class=\"pt-cv-rmwrap\"><a href=\"https:\/\/www.dmsjuridica.com\/buscador_20179478954\/corteconstitucionalcronologico202454587\/t-575-08\/\" class=\"_self pt-cv-readmore btn btn-success\" target=\"_self\">Ver Sentencia Completa...<\/a><\/div><\/div><\/div><\/div>\n<div class=\"col-md-12 col-sm-12 col-xs-12 pt-cv-content-item pt-cv-1-col\" ><div class='pt-cv-ifield'><a href=\"https:\/\/www.dmsjuridica.com\/buscador_20179478954\/corteconstitucionalcronologico202454587\/t-574-08\/\" class=\"_self pt-cv-href-thumbnail pt-cv-thumb-default\" target=\"_self\" ><\/a>\n<div class=\"pt-cv-taxoterm above_title\"><a href='https:\/\/www.dmsjuridica.com\/buscador_20179478954\/corteconstitucionalcronologico202454587\/category\/buscar-en-toda-la-corte\/2008\/tutelas-2008\/' title='Tutelas 2008' class='pt-cv-tax-tutelas-2008'>Tutelas 2008<\/a><\/div>\n<h4 class=\"pt-cv-title\"><a href=\"https:\/\/www.dmsjuridica.com\/buscador_20179478954\/corteconstitucionalcronologico202454587\/t-574-08\/\" class=\"_self\" target=\"_self\" >T-574-08<\/a><\/h4>\n<div class=\"pt-cv-content\">PENSION DE JUBILACION-Improcedencia de reconocimiento por tutela \u00a0 ACCION DE TUTELA PARA RECONOCIMIENTO DE PENSION-Requisitos para su procedencia \u00a0 ACCION DE TUTELA-Improcedencia para reconocimiento de pensi\u00f3n de jubilaci\u00f3n por no existir perjuicio irremediable ni afectaci\u00f3n a la salud y al m\u00ednimo vital \u00a0 Referencia: expediente T-1.850.069 \u00a0 Acci\u00f3n de tutela instaurada por Fernando Santos Silva contra el Fondo de Previsi\u00f3n Social del Congreso. \u00a0 Magistrado Ponente:\u00a0 \u00a0 Dr. HUMBERTO ANTONIO SIERRA PORTO \u00a0 Bogot\u00e1, D.C., cuatro (4) de junio de dos mil ocho (2008). \u00a0 La Sala Octava de Revisi\u00f3n de la Corte Constitucional, integrada por los Magistrados Humberto Antonio ...<br \/><div class=\"pt-cv-rmwrap\"><a href=\"https:\/\/www.dmsjuridica.com\/buscador_20179478954\/corteconstitucionalcronologico202454587\/t-574-08\/\" class=\"_self pt-cv-readmore btn btn-success\" target=\"_self\">Ver Sentencia Completa...<\/a><\/div><\/div><\/div><\/div>\n<div class=\"col-md-12 col-sm-12 col-xs-12 pt-cv-content-item pt-cv-1-col\" ><div class='pt-cv-ifield'><a href=\"https:\/\/www.dmsjuridica.com\/buscador_20179478954\/corteconstitucionalcronologico202454587\/t-573-08\/\" class=\"_self pt-cv-href-thumbnail pt-cv-thumb-default\" target=\"_self\" ><\/a>\n<div class=\"pt-cv-taxoterm above_title\"><a href='https:\/\/www.dmsjuridica.com\/buscador_20179478954\/corteconstitucionalcronologico202454587\/category\/buscar-en-toda-la-corte\/2008\/tutelas-2008\/' title='Tutelas 2008' class='pt-cv-tax-tutelas-2008'>Tutelas 2008<\/a><\/div>\n<h4 class=\"pt-cv-title\"><a href=\"https:\/\/www.dmsjuridica.com\/buscador_20179478954\/corteconstitucionalcronologico202454587\/t-573-08\/\" class=\"_self\" target=\"_self\" >T-573-08<\/a><\/h4>\n<div class=\"pt-cv-content\">\u00a0 \u00a0 Sentencia T-573\/08 \u00a0 AGENCIA OFICIOSA EN TUTELA-Alcance \u00a0 AGENCIA OFICIOSA EN TUTELA-Requisitos \u00a0 DERECHO A LA SALUD DE PERSONA DE LA TERCERA EDAD-Fundamental aut\u00f3nomo \u00a0 INAPLICACION DE NORMAS DEL PLAN OBLIGATORIO DE SALUD-Casos en que procede \u00a0 AGENCIA OFICIOSA EN TUTELA-Legitimidad del accionante \u00a0 ENTIDAD PROMOTORA DE SALUD-Suministro lente intraocular mas viscoel\u00e1stico y medicamentos para cirug\u00eda de cataratas \u00a0 Referencia: expediente T- 1827515 \u00a0 Acci\u00f3n de tutela instaurada por Olga Castro Cuartas obrando en nombre propio y en representaci\u00f3n de su se\u00f1ora madre Mar\u00eda Emma de Castro en contra de Salud Total EPS. ARS. S.A.\u00a0 \u00a0 Magistrado Ponente: ...<br \/><div class=\"pt-cv-rmwrap\"><a href=\"https:\/\/www.dmsjuridica.com\/buscador_20179478954\/corteconstitucionalcronologico202454587\/t-573-08\/\" class=\"_self pt-cv-readmore btn btn-success\" target=\"_self\">Ver Sentencia Completa...<\/a><\/div><\/div><\/div><\/div>\n<div class=\"col-md-12 col-sm-12 col-xs-12 pt-cv-content-item pt-cv-1-col\" ><div class='pt-cv-ifield'><a href=\"https:\/\/www.dmsjuridica.com\/buscador_20179478954\/corteconstitucionalcronologico202454587\/t-572-08\/\" class=\"_self pt-cv-href-thumbnail pt-cv-thumb-default\" target=\"_self\" ><\/a>\n<div class=\"pt-cv-taxoterm above_title\"><a href='https:\/\/www.dmsjuridica.com\/buscador_20179478954\/corteconstitucionalcronologico202454587\/category\/buscar-en-toda-la-corte\/2008\/tutelas-2008\/' title='Tutelas 2008' class='pt-cv-tax-tutelas-2008'>Tutelas 2008<\/a><\/div>\n<h4 class=\"pt-cv-title\"><a href=\"https:\/\/www.dmsjuridica.com\/buscador_20179478954\/corteconstitucionalcronologico202454587\/t-572-08\/\" class=\"_self\" target=\"_self\" >T-572-08<\/a><\/h4>\n<div class=\"pt-cv-content\"> ...<br \/><div class=\"pt-cv-rmwrap\"><a href=\"https:\/\/www.dmsjuridica.com\/buscador_20179478954\/corteconstitucionalcronologico202454587\/t-572-08\/\" class=\"_self pt-cv-readmore btn btn-success\" target=\"_self\">Ver Sentencia Completa...<\/a><\/div><\/div><\/div><\/div>\n<div class=\"col-md-12 col-sm-12 col-xs-12 pt-cv-content-item pt-cv-1-col\" ><div class='pt-cv-ifield'><a href=\"https:\/\/www.dmsjuridica.com\/buscador_20179478954\/corteconstitucionalcronologico202454587\/t-571-08\/\" class=\"_self pt-cv-href-thumbnail pt-cv-thumb-default\" target=\"_self\" ><\/a>\n<div class=\"pt-cv-taxoterm above_title\"><a href='https:\/\/www.dmsjuridica.com\/buscador_20179478954\/corteconstitucionalcronologico202454587\/category\/buscar-en-toda-la-corte\/2008\/tutelas-2008\/' title='Tutelas 2008' class='pt-cv-tax-tutelas-2008'>Tutelas 2008<\/a><\/div>\n<h4 class=\"pt-cv-title\"><a href=\"https:\/\/www.dmsjuridica.com\/buscador_20179478954\/corteconstitucionalcronologico202454587\/t-571-08\/\" class=\"_self\" target=\"_self\" >T-571-08<\/a><\/h4>\n<div class=\"pt-cv-content\"> ...<br \/><div class=\"pt-cv-rmwrap\"><a href=\"https:\/\/www.dmsjuridica.com\/buscador_20179478954\/corteconstitucionalcronologico202454587\/t-571-08\/\" class=\"_self pt-cv-readmore btn btn-success\" target=\"_self\">Ver Sentencia Completa...<\/a><\/div><\/div><\/div><\/div>\n<div class=\"col-md-12 col-sm-12 col-xs-12 pt-cv-content-item pt-cv-1-col\" ><div class='pt-cv-ifield'><a href=\"https:\/\/www.dmsjuridica.com\/buscador_20179478954\/corteconstitucionalcronologico202454587\/t-570-08\/\" class=\"_self pt-cv-href-thumbnail pt-cv-thumb-default\" target=\"_self\" ><\/a>\n<div class=\"pt-cv-taxoterm above_title\"><a href='https:\/\/www.dmsjuridica.com\/buscador_20179478954\/corteconstitucionalcronologico202454587\/category\/buscar-en-toda-la-corte\/2008\/tutelas-2008\/' title='Tutelas 2008' class='pt-cv-tax-tutelas-2008'>Tutelas 2008<\/a><\/div>\n<h4 class=\"pt-cv-title\"><a href=\"https:\/\/www.dmsjuridica.com\/buscador_20179478954\/corteconstitucionalcronologico202454587\/t-570-08\/\" class=\"_self\" target=\"_self\" >T-570-08<\/a><\/h4>\n<div class=\"pt-cv-content\">\u00a0 \u00a0 Sentencia T-570\/08 \u00a0 PERSONAS DISCAPACITADAS CON LIMITACIONES SEVERAS Y PROFUNDAS-Protecci\u00f3n en el ordenamiento constitucional y en el \u00e1mbito internacional \u00a0 DERECHO AL DIAGNOSTICO-Vulneraci\u00f3n de derechos fundamentales cuando se niega el diagn\u00f3stico para detectar la enfermedad del paciente con mayor precisi\u00f3n y as\u00ed determinar el tratamiento necesario \u00a0 DERECHO AL DIAGNOSTICO-Situaciones espec\u00edficas con las que se relaciona \u00a0 DERECHO A LA SALUD COMO CONCEPTO INTEGRAL-Incluye no s\u00f3lo aspectos f\u00edsicos sino tambi\u00e9n ps\u00edquicos, emocionales y sociales \u00a0 DERECHO A LA SALUD COMO CONCEPTO INTEGRAL-Tratamiento odontol\u00f3gico de implantolog\u00eda no puede catalogarse como procedimiento suntuario o cosm\u00e9tico \u00a0 El procedimiento de implantolog\u00eda ...<br \/><div class=\"pt-cv-rmwrap\"><a href=\"https:\/\/www.dmsjuridica.com\/buscador_20179478954\/corteconstitucionalcronologico202454587\/t-570-08\/\" class=\"_self pt-cv-readmore btn btn-success\" target=\"_self\">Ver Sentencia Completa...<\/a><\/div><\/div><\/div><\/div>\n<div class=\"col-md-12 col-sm-12 col-xs-12 pt-cv-content-item pt-cv-1-col\" ><div class='pt-cv-ifield'><a href=\"https:\/\/www.dmsjuridica.com\/buscador_20179478954\/corteconstitucionalcronologico202454587\/t-569-08\/\" class=\"_self pt-cv-href-thumbnail pt-cv-thumb-default\" target=\"_self\" ><\/a>\n<div class=\"pt-cv-taxoterm above_title\"><a href='https:\/\/www.dmsjuridica.com\/buscador_20179478954\/corteconstitucionalcronologico202454587\/category\/buscar-en-toda-la-corte\/2008\/tutelas-2008\/' title='Tutelas 2008' class='pt-cv-tax-tutelas-2008'>Tutelas 2008<\/a><\/div>\n<h4 class=\"pt-cv-title\"><a href=\"https:\/\/www.dmsjuridica.com\/buscador_20179478954\/corteconstitucionalcronologico202454587\/t-569-08\/\" class=\"_self\" target=\"_self\" >T-569-08<\/a><\/h4>\n<div class=\"pt-cv-content\">\u00a0 \u00a0 Sentencia T-569\/08 \u00a0 RETIRO DISCRECIONAL DE MIEMBROS DE LA FUERZA PUBLICA-Debe estar sustentado en razones objetivas, razonables y proporcionales \u00a0 El ejercicio de la facultad discrecional debe respetar los principios de razonabilidad y proporcionalidad y, por lo tanto, \u201cdebe tener un m\u00ednimo de motivaci\u00f3n justificante, m\u00e1s a\u00fan cuando la discrecionalidad radica en cabeza de una autoridad p\u00fablica\u201d que, si bien es cierto tiene competencia para evaluar el desempe\u00f1o de sus subordinados, ha de \u201crespetar precisas normas relacionadas con el debido proceso y con la actuaci\u00f3n legal de la administraci\u00f3n\u201d. El retiro discrecional \u201cdebe estar sustentado en razones objetivas, ...<br \/><div class=\"pt-cv-rmwrap\"><a href=\"https:\/\/www.dmsjuridica.com\/buscador_20179478954\/corteconstitucionalcronologico202454587\/t-569-08\/\" class=\"_self pt-cv-readmore btn btn-success\" target=\"_self\">Ver Sentencia Completa...<\/a><\/div><\/div><\/div><\/div>\n<div class=\"col-md-12 col-sm-12 col-xs-12 pt-cv-content-item pt-cv-1-col\" ><div class='pt-cv-ifield'><a href=\"https:\/\/www.dmsjuridica.com\/buscador_20179478954\/corteconstitucionalcronologico202454587\/t-568-08\/\" class=\"_self pt-cv-href-thumbnail pt-cv-thumb-default\" target=\"_self\" ><\/a>\n<div class=\"pt-cv-taxoterm above_title\"><a href='https:\/\/www.dmsjuridica.com\/buscador_20179478954\/corteconstitucionalcronologico202454587\/category\/buscar-en-toda-la-corte\/2008\/tutelas-2008\/' title='Tutelas 2008' class='pt-cv-tax-tutelas-2008'>Tutelas 2008<\/a><\/div>\n<h4 class=\"pt-cv-title\"><a href=\"https:\/\/www.dmsjuridica.com\/buscador_20179478954\/corteconstitucionalcronologico202454587\/t-568-08\/\" class=\"_self\" target=\"_self\" >T-568-08<\/a><\/h4>\n<div class=\"pt-cv-content\">\u00a0 \u00a0 Sentencia T-568\/08 \u00a0 DERECHO A LA SALUD DE EX SOLDADO-Caso en que sali\u00f3 del Ej\u00e9rcito con esquizofrenia paranoide \u00a0 DERECHO A LA PENSION DE EX SOLDADO QUE ADQUIRIO ENFERMEDAD EN LA PRESTACION DEL SERVICIO MILITAR \u00a0 LEGITIMACION POR ACTIVA DE PADRE DE EX SOLDADO AFECTADO POR ENFERMEDAD MENTAL\u00a0 \u00a0 Se concluye que el demandante est\u00e1 legitimado por activa para formular acci\u00f3n de tutela a fin de propender por el amparo de los derechos fundamentales de su hijo, comoquiera que as\u00ed lo manifest\u00f3 en la solicitud de amparo y justific\u00f3 su intervenci\u00f3n en la incapacidad mental del agenciado al ...<br \/><div class=\"pt-cv-rmwrap\"><a href=\"https:\/\/www.dmsjuridica.com\/buscador_20179478954\/corteconstitucionalcronologico202454587\/t-568-08\/\" class=\"_self pt-cv-readmore btn btn-success\" target=\"_self\">Ver Sentencia Completa...<\/a><\/div><\/div><\/div><\/div>\n<div class=\"col-md-12 col-sm-12 col-xs-12 pt-cv-content-item pt-cv-1-col\" ><div class='pt-cv-ifield'><a href=\"https:\/\/www.dmsjuridica.com\/buscador_20179478954\/corteconstitucionalcronologico202454587\/t-567-08\/\" class=\"_self pt-cv-href-thumbnail pt-cv-thumb-default\" target=\"_self\" ><\/a>\n<div class=\"pt-cv-taxoterm above_title\"><a href='https:\/\/www.dmsjuridica.com\/buscador_20179478954\/corteconstitucionalcronologico202454587\/category\/buscar-en-toda-la-corte\/2008\/tutelas-2008\/' title='Tutelas 2008' class='pt-cv-tax-tutelas-2008'>Tutelas 2008<\/a><\/div>\n<h4 class=\"pt-cv-title\"><a href=\"https:\/\/www.dmsjuridica.com\/buscador_20179478954\/corteconstitucionalcronologico202454587\/t-567-08\/\" class=\"_self\" target=\"_self\" >T-567-08<\/a><\/h4>\n<div class=\"pt-cv-content\"> ...<br \/><div class=\"pt-cv-rmwrap\"><a href=\"https:\/\/www.dmsjuridica.com\/buscador_20179478954\/corteconstitucionalcronologico202454587\/t-567-08\/\" class=\"_self pt-cv-readmore btn btn-success\" target=\"_self\">Ver Sentencia Completa...<\/a><\/div><\/div><\/div><\/div>\n<div class=\"col-md-12 col-sm-12 col-xs-12 pt-cv-content-item pt-cv-1-col\" ><div class='pt-cv-ifield'><a href=\"https:\/\/www.dmsjuridica.com\/buscador_20179478954\/corteconstitucionalcronologico202454587\/t-566-08\/\" class=\"_self pt-cv-href-thumbnail pt-cv-thumb-default\" target=\"_self\" ><\/a>\n<div class=\"pt-cv-taxoterm above_title\"><a href='https:\/\/www.dmsjuridica.com\/buscador_20179478954\/corteconstitucionalcronologico202454587\/category\/buscar-en-toda-la-corte\/2008\/tutelas-2008\/' title='Tutelas 2008' class='pt-cv-tax-tutelas-2008'>Tutelas 2008<\/a><\/div>\n<h4 class=\"pt-cv-title\"><a href=\"https:\/\/www.dmsjuridica.com\/buscador_20179478954\/corteconstitucionalcronologico202454587\/t-566-08\/\" class=\"_self\" target=\"_self\" >T-566-08<\/a><\/h4>\n<div class=\"pt-cv-content\">\u00a0 \u00a0 Sentencia T-566\/08 \u00a0 ESTADO SOCIAL DE DERECHO-Deberes del Estado para erradicar la pobreza y desigualdad\/ESTADO SOCIAL DE DERECHO-Prohibici\u00f3n de adelantar pol\u00edticas econ\u00f3micas, sociales y culturales de car\u00e1cter regresivo \u00a0 ESPACIO PUBLICO-Preservaci\u00f3n \u00a0 RESTITUCION DE ESPACIO PUBLICO-Requisitos para la legitimidad \u00a0 ESPACIO PUBLICO Y PRINCIPIOS DE CONFIANZA LEGITIMA Y PROPORCIONALIDAD-Desconocimiento por autoridades p\u00fablicas \u00a0 En suma las autoridades p\u00fablicas desconocen los principios de confianza leg\u00edtima y proporcionalidad cuando sorpresivamente implementan pol\u00edticas de recuperaci\u00f3n del espacio p\u00fablico que implican el desalojo o retiro de quienes tienen razones suficientes, esto es, fundamentadas en el ordenamiento jur\u00eddico, para considerar que su actividad ...<br \/><div class=\"pt-cv-rmwrap\"><a href=\"https:\/\/www.dmsjuridica.com\/buscador_20179478954\/corteconstitucionalcronologico202454587\/t-566-08\/\" class=\"_self pt-cv-readmore btn btn-success\" target=\"_self\">Ver Sentencia Completa...<\/a><\/div><\/div><\/div><\/div>\n<div class=\"col-md-12 col-sm-12 col-xs-12 pt-cv-content-item pt-cv-1-col\" ><div class='pt-cv-ifield'><a href=\"https:\/\/www.dmsjuridica.com\/buscador_20179478954\/corteconstitucionalcronologico202454587\/t-565-08\/\" class=\"_self pt-cv-href-thumbnail pt-cv-thumb-default\" target=\"_self\" ><\/a>\n<div class=\"pt-cv-taxoterm above_title\"><a href='https:\/\/www.dmsjuridica.com\/buscador_20179478954\/corteconstitucionalcronologico202454587\/category\/buscar-en-toda-la-corte\/2008\/tutelas-2008\/' title='Tutelas 2008' class='pt-cv-tax-tutelas-2008'>Tutelas 2008<\/a><\/div>\n<h4 class=\"pt-cv-title\"><a href=\"https:\/\/www.dmsjuridica.com\/buscador_20179478954\/corteconstitucionalcronologico202454587\/t-565-08\/\" class=\"_self\" target=\"_self\" >T-565-08<\/a><\/h4>\n<div class=\"pt-cv-content\">\u00a0 \u00a0 Sentencia T-565\/08 \u00a0 DERECHO A LA SALUD DE EX SOLDADO-Existencia de otro mecanismo de defensa judicial \u00a0 \u00a0 \u00a0 Salvo casos excepcionales, al existir mecanismos ordinarios de defensa judicial la acci\u00f3n de tutela resulta \u00a0improcedente. Sin embargo, este resultado no puede devenir de una decisi\u00f3n autom\u00e1tica por parte del juez constitucional, pues \u00e9ste debe analizar en el caso concreto si los mecanismos existentes resultan id\u00f3neos y eficaces para proteger los derechos presuntamente vulnerados o amenazados. As\u00ed mismo, el juez de tutela debe estudiar si en el caso concreto acaece un perjuicio irremediable a los derechos fundamentales, es decir, ...<br \/><div class=\"pt-cv-rmwrap\"><a href=\"https:\/\/www.dmsjuridica.com\/buscador_20179478954\/corteconstitucionalcronologico202454587\/t-565-08\/\" class=\"_self pt-cv-readmore btn btn-success\" target=\"_self\">Ver Sentencia Completa...<\/a><\/div><\/div><\/div><\/div>\n<div class=\"col-md-12 col-sm-12 col-xs-12 pt-cv-content-item pt-cv-1-col\" ><div class='pt-cv-ifield'><a href=\"https:\/\/www.dmsjuridica.com\/buscador_20179478954\/corteconstitucionalcronologico202454587\/t-564-08\/\" class=\"_self pt-cv-href-thumbnail pt-cv-thumb-default\" target=\"_self\" ><\/a>\n<div class=\"pt-cv-taxoterm above_title\"><a href='https:\/\/www.dmsjuridica.com\/buscador_20179478954\/corteconstitucionalcronologico202454587\/category\/buscar-en-toda-la-corte\/2008\/tutelas-2008\/' title='Tutelas 2008' class='pt-cv-tax-tutelas-2008'>Tutelas 2008<\/a><\/div>\n<h4 class=\"pt-cv-title\"><a href=\"https:\/\/www.dmsjuridica.com\/buscador_20179478954\/corteconstitucionalcronologico202454587\/t-564-08\/\" class=\"_self\" target=\"_self\" >T-564-08<\/a><\/h4>\n<div class=\"pt-cv-content\"> ...<br \/><div class=\"pt-cv-rmwrap\"><a href=\"https:\/\/www.dmsjuridica.com\/buscador_20179478954\/corteconstitucionalcronologico202454587\/t-564-08\/\" class=\"_self pt-cv-readmore btn btn-success\" target=\"_self\">Ver Sentencia Completa...<\/a><\/div><\/div><\/div><\/div>\n<div class=\"col-md-12 col-sm-12 col-xs-12 pt-cv-content-item pt-cv-1-col\" ><div class='pt-cv-ifield'><a href=\"https:\/\/www.dmsjuridica.com\/buscador_20179478954\/corteconstitucionalcronologico202454587\/t-563-08\/\" class=\"_self pt-cv-href-thumbnail pt-cv-thumb-default\" target=\"_self\" ><\/a>\n<div class=\"pt-cv-taxoterm above_title\"><a href='https:\/\/www.dmsjuridica.com\/buscador_20179478954\/corteconstitucionalcronologico202454587\/category\/buscar-en-toda-la-corte\/2008\/tutelas-2008\/' title='Tutelas 2008' class='pt-cv-tax-tutelas-2008'>Tutelas 2008<\/a><\/div>\n<h4 class=\"pt-cv-title\"><a href=\"https:\/\/www.dmsjuridica.com\/buscador_20179478954\/corteconstitucionalcronologico202454587\/t-563-08\/\" class=\"_self\" target=\"_self\" >T-563-08<\/a><\/h4>\n<div class=\"pt-cv-content\">\u00a0 \u00a0 Sentencia T-563\/08 \u00a0 DERECHO A LA PENSION DE SOBREVIVIENTES-Finalidad \u00a0 ACCION DE TUTELA-Procedencia pago de mesadas pensionales atrasadas cuando se afecta el m\u00ednimo vital \u00a0 DERECHO A LA PENSION DE SOBREVIVIENTES-Inclusi\u00f3n en n\u00f3mina \u00a0 ACCION DE TUTELA-Procedencia para la inclusi\u00f3n en n\u00f3mina del pensionado \u00a0 DERECHO AL MINIMO VITAL-Inclusi\u00f3n en n\u00f3mina \u00a0 Referencia: expediente T- 1.845.584 \u00a0 Acci\u00f3n de tutela instaurada por Mar\u00eda Emma Duque de Botero contra el Instituto de Seguros Sociales. \u00a0 Magistrado Ponente: \u00a0 Dr. JAIME ARA\u00daJO RENTER\u00cdA \u00a0 \u00a0 \u00a0 \u00a0 \u00a0 Bogot\u00e1, D. C., veintinueve (29) de mayo de dos mil ocho (2008) ...<br \/><div class=\"pt-cv-rmwrap\"><a href=\"https:\/\/www.dmsjuridica.com\/buscador_20179478954\/corteconstitucionalcronologico202454587\/t-563-08\/\" class=\"_self pt-cv-readmore btn btn-success\" target=\"_self\">Ver Sentencia Completa...<\/a><\/div><\/div><\/div><\/div>\n<div class=\"col-md-12 col-sm-12 col-xs-12 pt-cv-content-item pt-cv-1-col\" ><div class='pt-cv-ifield'><a href=\"https:\/\/www.dmsjuridica.com\/buscador_20179478954\/corteconstitucionalcronologico202454587\/t-562-08\/\" class=\"_self pt-cv-href-thumbnail pt-cv-thumb-default\" target=\"_self\" ><\/a>\n<div class=\"pt-cv-taxoterm above_title\"><a href='https:\/\/www.dmsjuridica.com\/buscador_20179478954\/corteconstitucionalcronologico202454587\/category\/buscar-en-toda-la-corte\/2008\/tutelas-2008\/' title='Tutelas 2008' class='pt-cv-tax-tutelas-2008'>Tutelas 2008<\/a><\/div>\n<h4 class=\"pt-cv-title\"><a href=\"https:\/\/www.dmsjuridica.com\/buscador_20179478954\/corteconstitucionalcronologico202454587\/t-562-08\/\" class=\"_self\" target=\"_self\" >T-562-08<\/a><\/h4>\n<div class=\"pt-cv-content\">DERECHO DE PETICION EN MATERIA PENSIONAL-T\u00e9rminos \u00a0 DERECHO DE PETICION EN MATERIA PENSIONAL-T\u00e9rmino de cuatro meses para resolver \u00a0 DERECHO DE PETICION EN MATERIA PENSIONAL-T\u00e9rmino de quince d\u00edas para comunicar al peticionario la informaci\u00f3n que \u00e9ste haya solicitado en torno a los tr\u00e1mites a seguir \u00a0 ACCION DE TUTELA-Carencia actual de objeto por cuanto fue resuelta petici\u00f3n \u00a0 Referencia: expediente T- 1843995 \u00a0 Acci\u00f3n de tutela instaurada por Mar\u00eda Teresa Castro Poveda contra la Caja Nacional de Previsi\u00f3n Social CAJANAL. \u00a0 \u00a0 \u00a0 Magistrado Ponente: \u00a0 Dr. JAIME ARAUJO RENTER\u00cdA \u00a0 Bogot\u00e1, D. C., veintinueve (29) de mayo de dos ...<br \/><div class=\"pt-cv-rmwrap\"><a href=\"https:\/\/www.dmsjuridica.com\/buscador_20179478954\/corteconstitucionalcronologico202454587\/t-562-08\/\" class=\"_self pt-cv-readmore btn btn-success\" target=\"_self\">Ver Sentencia Completa...<\/a><\/div><\/div><\/div><\/div>\n<div class=\"col-md-12 col-sm-12 col-xs-12 pt-cv-content-item pt-cv-1-col\" ><div class='pt-cv-ifield'><a href=\"https:\/\/www.dmsjuridica.com\/buscador_20179478954\/corteconstitucionalcronologico202454587\/t-561-08\/\" class=\"_self pt-cv-href-thumbnail pt-cv-thumb-default\" target=\"_self\" ><\/a>\n<div class=\"pt-cv-taxoterm above_title\"><a href='https:\/\/www.dmsjuridica.com\/buscador_20179478954\/corteconstitucionalcronologico202454587\/category\/buscar-en-toda-la-corte\/2008\/tutelas-2008\/' title='Tutelas 2008' class='pt-cv-tax-tutelas-2008'>Tutelas 2008<\/a><\/div>\n<h4 class=\"pt-cv-title\"><a href=\"https:\/\/www.dmsjuridica.com\/buscador_20179478954\/corteconstitucionalcronologico202454587\/t-561-08\/\" class=\"_self\" target=\"_self\" >T-561-08<\/a><\/h4>\n<div class=\"pt-cv-content\"> ...<br \/><div class=\"pt-cv-rmwrap\"><a href=\"https:\/\/www.dmsjuridica.com\/buscador_20179478954\/corteconstitucionalcronologico202454587\/t-561-08\/\" class=\"_self pt-cv-readmore btn btn-success\" target=\"_self\">Ver Sentencia Completa...<\/a><\/div><\/div><\/div><\/div>\n<div class=\"col-md-12 col-sm-12 col-xs-12 pt-cv-content-item pt-cv-1-col\" ><div class='pt-cv-ifield'><a href=\"https:\/\/www.dmsjuridica.com\/buscador_20179478954\/corteconstitucionalcronologico202454587\/t-560-08\/\" class=\"_self pt-cv-href-thumbnail pt-cv-thumb-default\" target=\"_self\" ><\/a>\n<div class=\"pt-cv-taxoterm above_title\"><a href='https:\/\/www.dmsjuridica.com\/buscador_20179478954\/corteconstitucionalcronologico202454587\/category\/buscar-en-toda-la-corte\/2008\/tutelas-2008\/' title='Tutelas 2008' class='pt-cv-tax-tutelas-2008'>Tutelas 2008<\/a><\/div>\n<h4 class=\"pt-cv-title\"><a href=\"https:\/\/www.dmsjuridica.com\/buscador_20179478954\/corteconstitucionalcronologico202454587\/t-560-08\/\" class=\"_self\" target=\"_self\" >T-560-08<\/a><\/h4>\n<div class=\"pt-cv-content\"> ...<br \/><div class=\"pt-cv-rmwrap\"><a href=\"https:\/\/www.dmsjuridica.com\/buscador_20179478954\/corteconstitucionalcronologico202454587\/t-560-08\/\" class=\"_self pt-cv-readmore btn btn-success\" target=\"_self\">Ver Sentencia Completa...<\/a><\/div><\/div><\/div><\/div>\n<div class=\"col-md-12 col-sm-12 col-xs-12 pt-cv-content-item pt-cv-1-col\" ><div class='pt-cv-ifield'><a href=\"https:\/\/www.dmsjuridica.com\/buscador_20179478954\/corteconstitucionalcronologico202454587\/t-559-08\/\" class=\"_self pt-cv-href-thumbnail pt-cv-thumb-default\" target=\"_self\" ><\/a>\n<div class=\"pt-cv-taxoterm above_title\"><a href='https:\/\/www.dmsjuridica.com\/buscador_20179478954\/corteconstitucionalcronologico202454587\/category\/buscar-en-toda-la-corte\/2008\/tutelas-2008\/' title='Tutelas 2008' class='pt-cv-tax-tutelas-2008'>Tutelas 2008<\/a><\/div>\n<h4 class=\"pt-cv-title\"><a href=\"https:\/\/www.dmsjuridica.com\/buscador_20179478954\/corteconstitucionalcronologico202454587\/t-559-08\/\" class=\"_self\" target=\"_self\" >T-559-08<\/a><\/h4>\n<div class=\"pt-cv-content\">\u00a0 \u00a0 Sentencia T-559\/08 \u00a0 AYUDA HUMANITARIA-Alcance \u00a0 DESPLAZAMIENTO FORZADO-Acci\u00f3n Social debe proceder al tr\u00e1mite de la solicitud de la peticionaria sobre su protecci\u00f3n y ayuda humanitaria \u00a0 ASISTENCIA HUMANITARIA-Deber de las Organizaciones no gubernamentales de prestar ayuda independientemente de los resultados en las investigaciones judiciales \u00a0 AYUDA HUMANITARIA DE EMERGENCIA-Deber de Acci\u00f3n Social de brindarla en su totalidad \u00a0 Referencia: expediente T-1829234\u00a0 \u00a0 Acci\u00f3n de tutela instaurada por Luz Mery Gallo de Galvis contra La Agencia Presidencial para la Acci\u00f3n Social y La Cooperaci\u00f3n Internacional \u00a0 Magistrado Ponente: \u00a0 Dr. JAIME ARAUJO RENTER\u00cdA \u00a0 Bogot\u00e1, D. C., veintinueve (29) ...<br \/><div class=\"pt-cv-rmwrap\"><a href=\"https:\/\/www.dmsjuridica.com\/buscador_20179478954\/corteconstitucionalcronologico202454587\/t-559-08\/\" class=\"_self pt-cv-readmore btn btn-success\" target=\"_self\">Ver Sentencia Completa...<\/a><\/div><\/div><\/div><\/div>\n<div class=\"col-md-12 col-sm-12 col-xs-12 pt-cv-content-item pt-cv-1-col\" ><div class='pt-cv-ifield'><a href=\"https:\/\/www.dmsjuridica.com\/buscador_20179478954\/corteconstitucionalcronologico202454587\/t-558-08\/\" class=\"_self pt-cv-href-thumbnail pt-cv-thumb-default\" target=\"_self\" ><\/a>\n<div class=\"pt-cv-taxoterm above_title\"><a href='https:\/\/www.dmsjuridica.com\/buscador_20179478954\/corteconstitucionalcronologico202454587\/category\/buscar-en-toda-la-corte\/2008\/tutelas-2008\/' title='Tutelas 2008' class='pt-cv-tax-tutelas-2008'>Tutelas 2008<\/a><\/div>\n<h4 class=\"pt-cv-title\"><a href=\"https:\/\/www.dmsjuridica.com\/buscador_20179478954\/corteconstitucionalcronologico202454587\/t-558-08\/\" class=\"_self\" target=\"_self\" >T-558-08<\/a><\/h4>\n<div class=\"pt-cv-content\">\u00a0 \u00a0 Sentencia T-558\/08 \u00a0 SUBREGLAS JURISPRUDENCIALES QUE DETERMINAN INAPLICACION DE REGLAS DE EXCLUSION DEL POS-Reiteraci\u00f3n de jurisprudencia \u00a0 DERECHO A LA SALUD DEL DISCAPACITADO MAYOR DE EDAD-Suministro de medicamentos no puede ordenarse por cuanto han sido entregados, y en cuanto a otro medicamento solicitado no existe orden del m\u00e9dico tratante \u00a0 En relaci\u00f3n con los medicamentos, concluye la Sala que no existe vulneraci\u00f3n alguna a los derechos fundamentales del hijo de la accionante, pues aquellos corresponden a los prescritos por el galeno tratante y han sido entregados por la accionada oportunamente, como obra en el acervo probatorio. Ahora bien, ...<br \/><div class=\"pt-cv-rmwrap\"><a href=\"https:\/\/www.dmsjuridica.com\/buscador_20179478954\/corteconstitucionalcronologico202454587\/t-558-08\/\" class=\"_self pt-cv-readmore btn btn-success\" target=\"_self\">Ver Sentencia Completa...<\/a><\/div><\/div><\/div><\/div>\n<div class=\"col-md-12 col-sm-12 col-xs-12 pt-cv-content-item pt-cv-1-col\" ><div class='pt-cv-ifield'><a href=\"https:\/\/www.dmsjuridica.com\/buscador_20179478954\/corteconstitucionalcronologico202454587\/t-557-08\/\" class=\"_self pt-cv-href-thumbnail pt-cv-thumb-default\" target=\"_self\" ><\/a>\n<div class=\"pt-cv-taxoterm above_title\"><a href='https:\/\/www.dmsjuridica.com\/buscador_20179478954\/corteconstitucionalcronologico202454587\/category\/buscar-en-toda-la-corte\/2008\/tutelas-2008\/' title='Tutelas 2008' class='pt-cv-tax-tutelas-2008'>Tutelas 2008<\/a><\/div>\n<h4 class=\"pt-cv-title\"><a href=\"https:\/\/www.dmsjuridica.com\/buscador_20179478954\/corteconstitucionalcronologico202454587\/t-557-08\/\" class=\"_self\" target=\"_self\" >T-557-08<\/a><\/h4>\n<div class=\"pt-cv-content\">\u00a0 \u00a0 Sentencia T-557\/08 \u00a0 LEY 546 de 1999-Doctrina constitucional sobre el art\u00edculo 42 par\u00e1grafo 3\/PROCESO EJECUTIVO HIPOTECARIO-Terminaci\u00f3n y archivo en aplicaci\u00f3n de la ley 546 de 1999\/VIA DE HECHO POR DEFECTO SUSTANTIVO-No se di\u00f3 por terminado el proceso ejecutivo hipotecario conforme a la ley 546 de 1999 \u00a0 Cuando la norma transcrita (par\u00e1grafo 3\u00ba del art\u00edculo 42 de la ley 546 de 1999) indica que una vez efectuada la reliquidaci\u00f3n del cr\u00e9dito, el proceso se dar\u00e1 por terminado y se proceder\u00e1 a su archivo sin m\u00e1s tr\u00e1mite; es la ley misma la que ordena el fenecimiento de los procesos ...<br \/><div class=\"pt-cv-rmwrap\"><a href=\"https:\/\/www.dmsjuridica.com\/buscador_20179478954\/corteconstitucionalcronologico202454587\/t-557-08\/\" class=\"_self pt-cv-readmore btn btn-success\" target=\"_self\">Ver Sentencia Completa...<\/a><\/div><\/div><\/div><\/div>\n<div class=\"col-md-12 col-sm-12 col-xs-12 pt-cv-content-item pt-cv-1-col\" ><div class='pt-cv-ifield'><a href=\"https:\/\/www.dmsjuridica.com\/buscador_20179478954\/corteconstitucionalcronologico202454587\/t-556-08\/\" class=\"_self pt-cv-href-thumbnail pt-cv-thumb-default\" target=\"_self\" ><\/a>\n<div class=\"pt-cv-taxoterm above_title\"><a href='https:\/\/www.dmsjuridica.com\/buscador_20179478954\/corteconstitucionalcronologico202454587\/category\/buscar-en-toda-la-corte\/2008\/tutelas-2008\/' title='Tutelas 2008' class='pt-cv-tax-tutelas-2008'>Tutelas 2008<\/a><\/div>\n<h4 class=\"pt-cv-title\"><a href=\"https:\/\/www.dmsjuridica.com\/buscador_20179478954\/corteconstitucionalcronologico202454587\/t-556-08\/\" class=\"_self\" target=\"_self\" >T-556-08<\/a><\/h4>\n<div class=\"pt-cv-content\"> ...<br \/><div class=\"pt-cv-rmwrap\"><a href=\"https:\/\/www.dmsjuridica.com\/buscador_20179478954\/corteconstitucionalcronologico202454587\/t-556-08\/\" class=\"_self pt-cv-readmore btn btn-success\" target=\"_self\">Ver Sentencia Completa...<\/a><\/div><\/div><\/div><\/div>\n<div class=\"col-md-12 col-sm-12 col-xs-12 pt-cv-content-item pt-cv-1-col\" ><div class='pt-cv-ifield'><a href=\"https:\/\/www.dmsjuridica.com\/buscador_20179478954\/corteconstitucionalcronologico202454587\/t-555-08\/\" class=\"_self pt-cv-href-thumbnail pt-cv-thumb-default\" target=\"_self\" ><\/a>\n<div class=\"pt-cv-taxoterm above_title\"><a href='https:\/\/www.dmsjuridica.com\/buscador_20179478954\/corteconstitucionalcronologico202454587\/category\/buscar-en-toda-la-corte\/2008\/tutelas-2008\/' title='Tutelas 2008' class='pt-cv-tax-tutelas-2008'>Tutelas 2008<\/a><\/div>\n<h4 class=\"pt-cv-title\"><a href=\"https:\/\/www.dmsjuridica.com\/buscador_20179478954\/corteconstitucionalcronologico202454587\/t-555-08\/\" class=\"_self\" target=\"_self\" >T-555-08<\/a><\/h4>\n<div class=\"pt-cv-content\"> ...<br \/><div class=\"pt-cv-rmwrap\"><a href=\"https:\/\/www.dmsjuridica.com\/buscador_20179478954\/corteconstitucionalcronologico202454587\/t-555-08\/\" class=\"_self pt-cv-readmore btn btn-success\" target=\"_self\">Ver Sentencia Completa...<\/a><\/div><\/div><\/div><\/div>\n<div class=\"col-md-12 col-sm-12 col-xs-12 pt-cv-content-item pt-cv-1-col\" ><div class='pt-cv-ifield'><a href=\"https:\/\/www.dmsjuridica.com\/buscador_20179478954\/corteconstitucionalcronologico202454587\/t-554-08\/\" class=\"_self pt-cv-href-thumbnail pt-cv-thumb-default\" target=\"_self\" ><\/a>\n<div class=\"pt-cv-taxoterm above_title\"><a href='https:\/\/www.dmsjuridica.com\/buscador_20179478954\/corteconstitucionalcronologico202454587\/category\/buscar-en-toda-la-corte\/2008\/tutelas-2008\/' title='Tutelas 2008' class='pt-cv-tax-tutelas-2008'>Tutelas 2008<\/a><\/div>\n<h4 class=\"pt-cv-title\"><a href=\"https:\/\/www.dmsjuridica.com\/buscador_20179478954\/corteconstitucionalcronologico202454587\/t-554-08\/\" class=\"_self\" target=\"_self\" >T-554-08<\/a><\/h4>\n<div class=\"pt-cv-content\"> ...<br \/><div class=\"pt-cv-rmwrap\"><a href=\"https:\/\/www.dmsjuridica.com\/buscador_20179478954\/corteconstitucionalcronologico202454587\/t-554-08\/\" class=\"_self pt-cv-readmore btn btn-success\" target=\"_self\">Ver Sentencia Completa...<\/a><\/div><\/div><\/div><\/div>\n<div class=\"col-md-12 col-sm-12 col-xs-12 pt-cv-content-item pt-cv-1-col\" ><div class='pt-cv-ifield'><a href=\"https:\/\/www.dmsjuridica.com\/buscador_20179478954\/corteconstitucionalcronologico202454587\/t-553-08\/\" class=\"_self pt-cv-href-thumbnail pt-cv-thumb-default\" target=\"_self\" ><\/a>\n<div class=\"pt-cv-taxoterm above_title\"><a href='https:\/\/www.dmsjuridica.com\/buscador_20179478954\/corteconstitucionalcronologico202454587\/category\/buscar-en-toda-la-corte\/2008\/tutelas-2008\/' title='Tutelas 2008' class='pt-cv-tax-tutelas-2008'>Tutelas 2008<\/a><\/div>\n<h4 class=\"pt-cv-title\"><a href=\"https:\/\/www.dmsjuridica.com\/buscador_20179478954\/corteconstitucionalcronologico202454587\/t-553-08\/\" class=\"_self\" target=\"_self\" >T-553-08<\/a><\/h4>\n<div class=\"pt-cv-content\"> ...<br \/><div class=\"pt-cv-rmwrap\"><a href=\"https:\/\/www.dmsjuridica.com\/buscador_20179478954\/corteconstitucionalcronologico202454587\/t-553-08\/\" class=\"_self pt-cv-readmore btn btn-success\" target=\"_self\">Ver Sentencia Completa...<\/a><\/div><\/div><\/div><\/div>\n<div class=\"col-md-12 col-sm-12 col-xs-12 pt-cv-content-item pt-cv-1-col\" ><div class='pt-cv-ifield'><a href=\"https:\/\/www.dmsjuridica.com\/buscador_20179478954\/corteconstitucionalcronologico202454587\/t-552-08\/\" class=\"_self pt-cv-href-thumbnail pt-cv-thumb-default\" target=\"_self\" ><\/a>\n<div class=\"pt-cv-taxoterm above_title\"><a href='https:\/\/www.dmsjuridica.com\/buscador_20179478954\/corteconstitucionalcronologico202454587\/category\/buscar-en-toda-la-corte\/2008\/tutelas-2008\/' title='Tutelas 2008' class='pt-cv-tax-tutelas-2008'>Tutelas 2008<\/a><\/div>\n<h4 class=\"pt-cv-title\"><a href=\"https:\/\/www.dmsjuridica.com\/buscador_20179478954\/corteconstitucionalcronologico202454587\/t-552-08\/\" class=\"_self\" target=\"_self\" >T-552-08<\/a><\/h4>\n<div class=\"pt-cv-content\"> ...<br \/><div class=\"pt-cv-rmwrap\"><a href=\"https:\/\/www.dmsjuridica.com\/buscador_20179478954\/corteconstitucionalcronologico202454587\/t-552-08\/\" class=\"_self pt-cv-readmore btn btn-success\" target=\"_self\">Ver Sentencia Completa...<\/a><\/div><\/div><\/div><\/div>\n<div class=\"col-md-12 col-sm-12 col-xs-12 pt-cv-content-item pt-cv-1-col\" ><div class='pt-cv-ifield'><a href=\"https:\/\/www.dmsjuridica.com\/buscador_20179478954\/corteconstitucionalcronologico202454587\/t-551-08\/\" class=\"_self pt-cv-href-thumbnail pt-cv-thumb-default\" target=\"_self\" ><\/a>\n<div class=\"pt-cv-taxoterm above_title\"><a href='https:\/\/www.dmsjuridica.com\/buscador_20179478954\/corteconstitucionalcronologico202454587\/category\/buscar-en-toda-la-corte\/2008\/tutelas-2008\/' title='Tutelas 2008' class='pt-cv-tax-tutelas-2008'>Tutelas 2008<\/a><\/div>\n<h4 class=\"pt-cv-title\"><a href=\"https:\/\/www.dmsjuridica.com\/buscador_20179478954\/corteconstitucionalcronologico202454587\/t-551-08\/\" class=\"_self\" target=\"_self\" >T-551-08<\/a><\/h4>\n<div class=\"pt-cv-content\">\u00a0 \u00a0 \u00a0\u00a0 Sentencia T-551\/08 \u00a0 INAPLICACION DE LA NORMATIVIDAD REFERENTE AL PAGO DE COPAGOS Y CUOTAS DE RECUPERACION-Reiteraci\u00f3n de jurisprudencia \u00a0 PRUEBA SOBRE INCAPACIDAD ECONOMICA PARA ASUMIR PAGO DE CUOTAS MODERADORAS\/PRESUNCION DE INCAPACIDAD ECONOMICA FRENTE A PERSONAS QUE SE ENCUENTRAN INSCRITAS EN EL SISBEN \u00a0 DERECHO A LA SALUD DE AFILIADA AL SISBEN-Pr\u00e1ctica de cirug\u00eda y caso en que se le exige copago \u00a0 De las valoraciones que realiz\u00f3 el Hospital a la accionante, se encontr\u00f3 que el estado de salud era delicado. Por esta raz\u00f3n, considera la Sala que la solicitud que inicialmente pretend\u00eda la accionante, en el ...<br \/><div class=\"pt-cv-rmwrap\"><a href=\"https:\/\/www.dmsjuridica.com\/buscador_20179478954\/corteconstitucionalcronologico202454587\/t-551-08\/\" class=\"_self pt-cv-readmore btn btn-success\" target=\"_self\">Ver Sentencia Completa...<\/a><\/div><\/div><\/div><\/div>\n<div class=\"col-md-12 col-sm-12 col-xs-12 pt-cv-content-item pt-cv-1-col\" ><div class='pt-cv-ifield'><a href=\"https:\/\/www.dmsjuridica.com\/buscador_20179478954\/corteconstitucionalcronologico202454587\/t-550-08\/\" class=\"_self pt-cv-href-thumbnail pt-cv-thumb-default\" target=\"_self\" ><\/a>\n<div class=\"pt-cv-taxoterm above_title\"><a href='https:\/\/www.dmsjuridica.com\/buscador_20179478954\/corteconstitucionalcronologico202454587\/category\/buscar-en-toda-la-corte\/2008\/tutelas-2008\/' title='Tutelas 2008' class='pt-cv-tax-tutelas-2008'>Tutelas 2008<\/a><\/div>\n<h4 class=\"pt-cv-title\"><a href=\"https:\/\/www.dmsjuridica.com\/buscador_20179478954\/corteconstitucionalcronologico202454587\/t-550-08\/\" class=\"_self\" target=\"_self\" >T-550-08<\/a><\/h4>\n<div class=\"pt-cv-content\"> ...<br \/><div class=\"pt-cv-rmwrap\"><a href=\"https:\/\/www.dmsjuridica.com\/buscador_20179478954\/corteconstitucionalcronologico202454587\/t-550-08\/\" class=\"_self pt-cv-readmore btn btn-success\" target=\"_self\">Ver Sentencia Completa...<\/a><\/div><\/div><\/div><\/div>\n<div class=\"col-md-12 col-sm-12 col-xs-12 pt-cv-content-item pt-cv-1-col\" ><div class='pt-cv-ifield'><a href=\"https:\/\/www.dmsjuridica.com\/buscador_20179478954\/corteconstitucionalcronologico202454587\/t-549-08\/\" class=\"_self pt-cv-href-thumbnail pt-cv-thumb-default\" target=\"_self\" ><\/a>\n<div class=\"pt-cv-taxoterm above_title\"><a href='https:\/\/www.dmsjuridica.com\/buscador_20179478954\/corteconstitucionalcronologico202454587\/category\/buscar-en-toda-la-corte\/2008\/tutelas-2008\/' title='Tutelas 2008' class='pt-cv-tax-tutelas-2008'>Tutelas 2008<\/a><\/div>\n<h4 class=\"pt-cv-title\"><a href=\"https:\/\/www.dmsjuridica.com\/buscador_20179478954\/corteconstitucionalcronologico202454587\/t-549-08\/\" class=\"_self\" target=\"_self\" >T-549-08<\/a><\/h4>\n<div class=\"pt-cv-content\"> ...<br \/><div class=\"pt-cv-rmwrap\"><a href=\"https:\/\/www.dmsjuridica.com\/buscador_20179478954\/corteconstitucionalcronologico202454587\/t-549-08\/\" class=\"_self pt-cv-readmore btn btn-success\" target=\"_self\">Ver Sentencia Completa...<\/a><\/div><\/div><\/div><\/div>\n<div class=\"col-md-12 col-sm-12 col-xs-12 pt-cv-content-item pt-cv-1-col\" ><div class='pt-cv-ifield'><a href=\"https:\/\/www.dmsjuridica.com\/buscador_20179478954\/corteconstitucionalcronologico202454587\/t-548-08\/\" class=\"_self pt-cv-href-thumbnail pt-cv-thumb-default\" target=\"_self\" ><\/a>\n<div class=\"pt-cv-taxoterm above_title\"><a href='https:\/\/www.dmsjuridica.com\/buscador_20179478954\/corteconstitucionalcronologico202454587\/category\/buscar-en-toda-la-corte\/2008\/tutelas-2008\/' title='Tutelas 2008' class='pt-cv-tax-tutelas-2008'>Tutelas 2008<\/a><\/div>\n<h4 class=\"pt-cv-title\"><a href=\"https:\/\/www.dmsjuridica.com\/buscador_20179478954\/corteconstitucionalcronologico202454587\/t-548-08\/\" class=\"_self\" target=\"_self\" >T-548-08<\/a><\/h4>\n<div class=\"pt-cv-content\"> ...<br \/><div class=\"pt-cv-rmwrap\"><a href=\"https:\/\/www.dmsjuridica.com\/buscador_20179478954\/corteconstitucionalcronologico202454587\/t-548-08\/\" class=\"_self pt-cv-readmore btn btn-success\" target=\"_self\">Ver Sentencia Completa...<\/a><\/div><\/div><\/div><\/div>\n<div class=\"col-md-12 col-sm-12 col-xs-12 pt-cv-content-item pt-cv-1-col\" ><div class='pt-cv-ifield'><a href=\"https:\/\/www.dmsjuridica.com\/buscador_20179478954\/corteconstitucionalcronologico202454587\/t-547-08\/\" class=\"_self pt-cv-href-thumbnail pt-cv-thumb-default\" target=\"_self\" ><\/a>\n<div class=\"pt-cv-taxoterm above_title\"><a href='https:\/\/www.dmsjuridica.com\/buscador_20179478954\/corteconstitucionalcronologico202454587\/category\/buscar-en-toda-la-corte\/2008\/tutelas-2008\/' title='Tutelas 2008' class='pt-cv-tax-tutelas-2008'>Tutelas 2008<\/a><\/div>\n<h4 class=\"pt-cv-title\"><a href=\"https:\/\/www.dmsjuridica.com\/buscador_20179478954\/corteconstitucionalcronologico202454587\/t-547-08\/\" class=\"_self\" target=\"_self\" >T-547-08<\/a><\/h4>\n<div class=\"pt-cv-content\">\u00a0 \u00a0 Sentencia T-547\/08 \u00a0 HABEAS DATA-Doctrina constitucional y reiteraci\u00f3n de jurisprudencia \u00a0 HABEAS DATA-Contenido y alcance \u00a0 HABEAS DATA-Principio de operatividad \u00a0 ADMINISTRACION DE DATOS PERSONALES-Principios\u00a0 \u00a0 DATOS PERSONALES-Caracter\u00edsticas \u00a0 HABEAS DATA Y DERECHO A LA INFORMACION-Clasificaci\u00f3n de la informaci\u00f3n \u00a0 PERMANENCIA DE LOS DATOS NEGATIVOS EN LAS BASES DE DATOS-Reglas fijadas y reiteraci\u00f3n de jurisprudencia \u00a0 BANCO DE DATOS-Informaci\u00f3n veraz e imparcial \u00a0 CENTRALES DE RIESGO-Situaci\u00f3n especial que se presenta cuando la persona reportada controvierte los hechos que dan lugar al reporte\/PRINCIPIO DE VERACIDAD DE LA INFORMACION-Est\u00e1 prohibida la administraci\u00f3n de datos incorrectos, falsos o err\u00f3neos\/PRINCIPIO DE VERACIDAD ...<br \/><div class=\"pt-cv-rmwrap\"><a href=\"https:\/\/www.dmsjuridica.com\/buscador_20179478954\/corteconstitucionalcronologico202454587\/t-547-08\/\" class=\"_self pt-cv-readmore btn btn-success\" target=\"_self\">Ver Sentencia Completa...<\/a><\/div><\/div><\/div><\/div>\n<div class=\"col-md-12 col-sm-12 col-xs-12 pt-cv-content-item pt-cv-1-col\" ><div class='pt-cv-ifield'><a href=\"https:\/\/www.dmsjuridica.com\/buscador_20179478954\/corteconstitucionalcronologico202454587\/t-546-08\/\" class=\"_self pt-cv-href-thumbnail pt-cv-thumb-default\" target=\"_self\" ><\/a>\n<div class=\"pt-cv-taxoterm above_title\"><a href='https:\/\/www.dmsjuridica.com\/buscador_20179478954\/corteconstitucionalcronologico202454587\/category\/buscar-en-toda-la-corte\/2008\/tutelas-2008\/' title='Tutelas 2008' class='pt-cv-tax-tutelas-2008'>Tutelas 2008<\/a><\/div>\n<h4 class=\"pt-cv-title\"><a href=\"https:\/\/www.dmsjuridica.com\/buscador_20179478954\/corteconstitucionalcronologico202454587\/t-546-08\/\" class=\"_self\" target=\"_self\" >T-546-08<\/a><\/h4>\n<div class=\"pt-cv-content\"> ...<br \/><div class=\"pt-cv-rmwrap\"><a href=\"https:\/\/www.dmsjuridica.com\/buscador_20179478954\/corteconstitucionalcronologico202454587\/t-546-08\/\" class=\"_self pt-cv-readmore btn btn-success\" target=\"_self\">Ver Sentencia Completa...<\/a><\/div><\/div><\/div><\/div>\n<div class=\"col-md-12 col-sm-12 col-xs-12 pt-cv-content-item pt-cv-1-col\" ><div class='pt-cv-ifield'><a href=\"https:\/\/www.dmsjuridica.com\/buscador_20179478954\/corteconstitucionalcronologico202454587\/t-532-08\/\" class=\"_self pt-cv-href-thumbnail pt-cv-thumb-default\" target=\"_self\" ><\/a>\n<div class=\"pt-cv-taxoterm above_title\"><a href='https:\/\/www.dmsjuridica.com\/buscador_20179478954\/corteconstitucionalcronologico202454587\/category\/buscar-en-toda-la-corte\/2008\/tutelas-2008\/' title='Tutelas 2008' class='pt-cv-tax-tutelas-2008'>Tutelas 2008<\/a><\/div>\n<h4 class=\"pt-cv-title\"><a href=\"https:\/\/www.dmsjuridica.com\/buscador_20179478954\/corteconstitucionalcronologico202454587\/t-532-08\/\" class=\"_self\" target=\"_self\" >T-532-08<\/a><\/h4>\n<div class=\"pt-cv-content\">\u00a0 \u00a0 Sentencia T-532\/08 \u00a0 ACCION DE TUTELA Y MEDIO DE DEFENSA JUDICIAL-Aspectos que se deben tener en cuenta para su procedencia \u00a0 CONCURSO DE MERITOS-Procedencia de acci\u00f3n de de tutela \u00a0 CONCURSO DE NOTARIOS-Marco normativo \u00a0 ACCION DE TUTELA CONTRA ACTOS DE CARACTER GENERAL-Improcedencia \u00a0 CONSEJO SUPERIOR DE LA CARRERA NOTARIAL-No vulneraci\u00f3n de derechos fundamentales en el proceso del concurso de notarios \u00a0 Referencia: expediente T-1.800.760 \u00a0 Acci\u00f3n de tutela instaurada por Pedro Norberto Castro Araujo contra el Consejo Superior de la Carrera Notarial. \u00a0 Magistrado Ponente:\u00a0 \u00a0 Dr. HUMBERTO ANTONIO SIERRA PORTO. \u00a0 Bogot\u00e1, D.C., trece (13) de ...<br \/><div class=\"pt-cv-rmwrap\"><a href=\"https:\/\/www.dmsjuridica.com\/buscador_20179478954\/corteconstitucionalcronologico202454587\/t-532-08\/\" class=\"_self pt-cv-readmore btn btn-success\" target=\"_self\">Ver Sentencia Completa...<\/a><\/div><\/div><\/div><\/div>\n<div class=\"col-md-12 col-sm-12 col-xs-12 pt-cv-content-item pt-cv-1-col\" ><div class='pt-cv-ifield'><a href=\"https:\/\/www.dmsjuridica.com\/buscador_20179478954\/corteconstitucionalcronologico202454587\/t-531-08\/\" class=\"_self pt-cv-href-thumbnail pt-cv-thumb-default\" target=\"_self\" ><\/a>\n<div class=\"pt-cv-taxoterm above_title\"><a href='https:\/\/www.dmsjuridica.com\/buscador_20179478954\/corteconstitucionalcronologico202454587\/category\/buscar-en-toda-la-corte\/2008\/tutelas-2008\/' title='Tutelas 2008' class='pt-cv-tax-tutelas-2008'>Tutelas 2008<\/a><\/div>\n<h4 class=\"pt-cv-title\"><a href=\"https:\/\/www.dmsjuridica.com\/buscador_20179478954\/corteconstitucionalcronologico202454587\/t-531-08\/\" class=\"_self\" target=\"_self\" >T-531-08<\/a><\/h4>\n<div class=\"pt-cv-content\">\u00a0 \u00a0 Sentencia T-531\/08 \u00a0 ADMINISTRADORA DE FONDOS DE PENSIONES-Facultad en materia de recaudo de aportes que los empleadores y beneficiarios adeudan al r\u00e9gimen de seguridad social en pensiones \u00a0 Las facultades conferidas a las entidades p\u00fablicas administradoras de pensiones, en materia de recaudo de los aportes que los empleadores y beneficiarios adeudan al r\u00e9gimen de seguridad social en pensiones, tiene que ver i) con el cobro persuasivo de las obligaciones, la determinaci\u00f3n de su monto y exigibilidad, mediante la expedici\u00f3n de la liquidaci\u00f3n certificada correspondiente y, de no ser ello posible ii) con su ejecuci\u00f3n, por la v\u00eda de ...<br \/><div class=\"pt-cv-rmwrap\"><a href=\"https:\/\/www.dmsjuridica.com\/buscador_20179478954\/corteconstitucionalcronologico202454587\/t-531-08\/\" class=\"_self pt-cv-readmore btn btn-success\" target=\"_self\">Ver Sentencia Completa...<\/a><\/div><\/div><\/div><\/div>\n<div class=\"col-md-12 col-sm-12 col-xs-12 pt-cv-content-item pt-cv-1-col\" ><div class='pt-cv-ifield'><a href=\"https:\/\/www.dmsjuridica.com\/buscador_20179478954\/corteconstitucionalcronologico202454587\/t-530-08\/\" class=\"_self pt-cv-href-thumbnail pt-cv-thumb-default\" target=\"_self\" ><\/a>\n<div class=\"pt-cv-taxoterm above_title\"><a href='https:\/\/www.dmsjuridica.com\/buscador_20179478954\/corteconstitucionalcronologico202454587\/category\/buscar-en-toda-la-corte\/2008\/tutelas-2008\/' title='Tutelas 2008' class='pt-cv-tax-tutelas-2008'>Tutelas 2008<\/a><\/div>\n<h4 class=\"pt-cv-title\"><a href=\"https:\/\/www.dmsjuridica.com\/buscador_20179478954\/corteconstitucionalcronologico202454587\/t-530-08\/\" class=\"_self\" target=\"_self\" >T-530-08<\/a><\/h4>\n<div class=\"pt-cv-content\">\u00a0 \u00a0 Sentencia T-530\/08 \u00a0 ACCION DE TUTELA-Procedencia excepcional para el pago de incapacidades laborales \u00a0 TRABAJADOR INDEPENDIENTE-Requisitos para el reconocimiento de incapacidades originadas por enfermedad general \u00a0 INCAPACIDAD POR ENFERMEDAD NO PROFESIONAL-Decreto 783\/00 establece condiciones que facilitan la posibilidad de disfrutar del reconocimiento y pago \u00a0 TRABAJADOR INDEPENDIENTE-Reconocimiento y pago de las incapacidades originadas en enfermedad general por allanamiento a la mora de las EPS \u00a0 Referencia: expediente T-1831.151. \u00a0 Acci\u00f3n de tutela instaurada por Luz Miriam Ram\u00edrez Guti\u00e9rrez contra el Seguro Social, Seccional Cundinamarca. \u00a0 Magistrado Ponente:\u00a0 \u00a0 Dr. RODRIGO ESCOBAR GIL \u00a0 Bogot\u00e1, D.C., veintid\u00f3s (22) de ...<br \/><div class=\"pt-cv-rmwrap\"><a href=\"https:\/\/www.dmsjuridica.com\/buscador_20179478954\/corteconstitucionalcronologico202454587\/t-530-08\/\" class=\"_self pt-cv-readmore btn btn-success\" target=\"_self\">Ver Sentencia Completa...<\/a><\/div><\/div><\/div><\/div>\n<div class=\"col-md-12 col-sm-12 col-xs-12 pt-cv-content-item pt-cv-1-col\" ><div class='pt-cv-ifield'><a href=\"https:\/\/www.dmsjuridica.com\/buscador_20179478954\/corteconstitucionalcronologico202454587\/t-529-08\/\" class=\"_self pt-cv-href-thumbnail pt-cv-thumb-default\" target=\"_self\" ><\/a>\n<div class=\"pt-cv-taxoterm above_title\"><a href='https:\/\/www.dmsjuridica.com\/buscador_20179478954\/corteconstitucionalcronologico202454587\/category\/buscar-en-toda-la-corte\/2008\/tutelas-2008\/' title='Tutelas 2008' class='pt-cv-tax-tutelas-2008'>Tutelas 2008<\/a><\/div>\n<h4 class=\"pt-cv-title\"><a href=\"https:\/\/www.dmsjuridica.com\/buscador_20179478954\/corteconstitucionalcronologico202454587\/t-529-08\/\" class=\"_self\" target=\"_self\" >T-529-08<\/a><\/h4>\n<div class=\"pt-cv-content\">\u00a0 \u00a0 Sentencia T-529\/08 \u00a0 ACCION DE TUTELA-Improcedencia general para resolver controversias pensionales \u00a0 ACCION DE TUTELA-Procedencia excepcional para reconocimiento de derechos pensionales \u00a0 ACCION DE TUTELA PARA RECONOCIMIENTO DE PENSION DE VEJEZ-Procedencia cuando se vulneran derechos fundamentales \u00a0 ACCION DE TUTELA PARA RECONOCIMIENTO DE PENSION DE VEJEZ-Improcedencia cuando no se cumple con los requisitos consagrados en la ley \u00a0 Referencia: expediente T-1.805.765. \u00a0 Acci\u00f3n de tutela instaurada por Diomedes Rodr\u00edguez D\u00edaz contra el Seguro Social, Seccional Cundinamarca. \u00a0 Magistrado Ponente:\u00a0 \u00a0 Dr. RODRIGO ESCOBAR GIL \u00a0 Bogot\u00e1, D.C., veintid\u00f3s (22) de mayo de dos mil ocho (2008). \u00a0 La ...<br \/><div class=\"pt-cv-rmwrap\"><a href=\"https:\/\/www.dmsjuridica.com\/buscador_20179478954\/corteconstitucionalcronologico202454587\/t-529-08\/\" class=\"_self pt-cv-readmore btn btn-success\" target=\"_self\">Ver Sentencia Completa...<\/a><\/div><\/div><\/div><\/div>\n<div class=\"col-md-12 col-sm-12 col-xs-12 pt-cv-content-item pt-cv-1-col\" ><div class='pt-cv-ifield'><a href=\"https:\/\/www.dmsjuridica.com\/buscador_20179478954\/corteconstitucionalcronologico202454587\/t-528-08\/\" class=\"_self pt-cv-href-thumbnail pt-cv-thumb-default\" target=\"_self\" ><\/a>\n<div class=\"pt-cv-taxoterm above_title\"><a href='https:\/\/www.dmsjuridica.com\/buscador_20179478954\/corteconstitucionalcronologico202454587\/category\/buscar-en-toda-la-corte\/2008\/tutelas-2008\/' title='Tutelas 2008' class='pt-cv-tax-tutelas-2008'>Tutelas 2008<\/a><\/div>\n<h4 class=\"pt-cv-title\"><a href=\"https:\/\/www.dmsjuridica.com\/buscador_20179478954\/corteconstitucionalcronologico202454587\/t-528-08\/\" class=\"_self\" target=\"_self\" >T-528-08<\/a><\/h4>\n<div class=\"pt-cv-content\">\u00a0 \u00a0 Sentencia T-528\/08 \u00a0 EMPLEADA DEL SERVICIO DOMESTICO-Protecci\u00f3n por cuanto le fue terminado el contrato estando embarazada\/CONTRATO REALIDAD Y PROCEDENCIA DE ACCION DE TUTELA \u00a0 Para que exista un contrato de trabajo es necesario que concurran tres situaciones f\u00e1cticas. Las cuales son: (i) la prestaci\u00f3n personal de servicios, (ii) la subordinaci\u00f3n o dependencia, que se manifiesta en el cumplimiento de \u00f3rdenes y (iii) una contraprestaci\u00f3n por servicio prestado. Ahora bien, en principio, la determinaci\u00f3n de la ocurrencia de estos elementos implica una labor que no se encuentra dentro del \u00e1mbito del juez de tutela, por lo que debe acudirse ...<br \/><div class=\"pt-cv-rmwrap\"><a href=\"https:\/\/www.dmsjuridica.com\/buscador_20179478954\/corteconstitucionalcronologico202454587\/t-528-08\/\" class=\"_self pt-cv-readmore btn btn-success\" target=\"_self\">Ver Sentencia Completa...<\/a><\/div><\/div><\/div><\/div>\n<div class=\"col-md-12 col-sm-12 col-xs-12 pt-cv-content-item pt-cv-1-col\" ><div class='pt-cv-ifield'><a href=\"https:\/\/www.dmsjuridica.com\/buscador_20179478954\/corteconstitucionalcronologico202454587\/t-527-08\/\" class=\"_self pt-cv-href-thumbnail pt-cv-thumb-default\" target=\"_self\" ><\/a>\n<div class=\"pt-cv-taxoterm above_title\"><a href='https:\/\/www.dmsjuridica.com\/buscador_20179478954\/corteconstitucionalcronologico202454587\/category\/buscar-en-toda-la-corte\/2008\/tutelas-2008\/' title='Tutelas 2008' class='pt-cv-tax-tutelas-2008'>Tutelas 2008<\/a><\/div>\n<h4 class=\"pt-cv-title\"><a href=\"https:\/\/www.dmsjuridica.com\/buscador_20179478954\/corteconstitucionalcronologico202454587\/t-527-08\/\" class=\"_self\" target=\"_self\" >T-527-08<\/a><\/h4>\n<div class=\"pt-cv-content\"> ...<br \/><div class=\"pt-cv-rmwrap\"><a href=\"https:\/\/www.dmsjuridica.com\/buscador_20179478954\/corteconstitucionalcronologico202454587\/t-527-08\/\" class=\"_self pt-cv-readmore btn btn-success\" target=\"_self\">Ver Sentencia Completa...<\/a><\/div><\/div><\/div><\/div>\n<div class=\"col-md-12 col-sm-12 col-xs-12 pt-cv-content-item pt-cv-1-col\" ><div class='pt-cv-ifield'><a href=\"https:\/\/www.dmsjuridica.com\/buscador_20179478954\/corteconstitucionalcronologico202454587\/t-526-08\/\" class=\"_self pt-cv-href-thumbnail pt-cv-thumb-default\" target=\"_self\" ><\/a>\n<div class=\"pt-cv-taxoterm above_title\"><a href='https:\/\/www.dmsjuridica.com\/buscador_20179478954\/corteconstitucionalcronologico202454587\/category\/buscar-en-toda-la-corte\/2008\/tutelas-2008\/' title='Tutelas 2008' class='pt-cv-tax-tutelas-2008'>Tutelas 2008<\/a><\/div>\n<h4 class=\"pt-cv-title\"><a href=\"https:\/\/www.dmsjuridica.com\/buscador_20179478954\/corteconstitucionalcronologico202454587\/t-526-08\/\" class=\"_self\" target=\"_self\" >T-526-08<\/a><\/h4>\n<div class=\"pt-cv-content\">\u00a0 \u00a0 SENTENCIA T-526\/08 \u00a0 (Mayo 21 de 2008) \u00a0 ACCION DE TUTELA CONTRA INSTITUTO DE SEGUROS SOCIALES-Solicitud reconocimiento pensi\u00f3n de vejez con fundamento en el art\u00edculo 36 de la Ley 100\/93 \u00a0 ACCION DE TUTELA-Principios que rigen su desarrollo \u00a0 ACTUACION TEMERARIA-Consagraci\u00f3n seg\u00fan Decreto 2591 de 1991, art\u00edculo 38 \u00a0 ACTUACION TEMERARIA-Elementos \u00a0 ACTUACION TEMERARIA-Situaciones en que no se configura \u00a0 JUEZ CONSTITUCIONAL-Valoraci\u00f3n de cada caso partiendo de la presunci\u00f3n de buena fe de la actuaci\u00f3n de los particulares ante la administraci\u00f3n de justicia para adoptar decisi\u00f3n \u00a0 ACCION DE TUTELA CONTRA EL INSTITUTO DE SEGUROS SOCIALES-Existe motivo justificado ...<br \/><div class=\"pt-cv-rmwrap\"><a href=\"https:\/\/www.dmsjuridica.com\/buscador_20179478954\/corteconstitucionalcronologico202454587\/t-526-08\/\" class=\"_self pt-cv-readmore btn btn-success\" target=\"_self\">Ver Sentencia Completa...<\/a><\/div><\/div><\/div><\/div>\n<div class=\"col-md-12 col-sm-12 col-xs-12 pt-cv-content-item pt-cv-1-col\" ><div class='pt-cv-ifield'><a href=\"https:\/\/www.dmsjuridica.com\/buscador_20179478954\/corteconstitucionalcronologico202454587\/t-525-08\/\" class=\"_self pt-cv-href-thumbnail pt-cv-thumb-default\" target=\"_self\" ><\/a>\n<div class=\"pt-cv-taxoterm above_title\"><a href='https:\/\/www.dmsjuridica.com\/buscador_20179478954\/corteconstitucionalcronologico202454587\/category\/buscar-en-toda-la-corte\/2008\/tutelas-2008\/' title='Tutelas 2008' class='pt-cv-tax-tutelas-2008'>Tutelas 2008<\/a><\/div>\n<h4 class=\"pt-cv-title\"><a href=\"https:\/\/www.dmsjuridica.com\/buscador_20179478954\/corteconstitucionalcronologico202454587\/t-525-08\/\" class=\"_self\" target=\"_self\" >T-525-08<\/a><\/h4>\n<div class=\"pt-cv-content\"> ...<br \/><div class=\"pt-cv-rmwrap\"><a href=\"https:\/\/www.dmsjuridica.com\/buscador_20179478954\/corteconstitucionalcronologico202454587\/t-525-08\/\" class=\"_self pt-cv-readmore btn btn-success\" target=\"_self\">Ver Sentencia Completa...<\/a><\/div><\/div><\/div><\/div>\n<div class=\"col-md-12 col-sm-12 col-xs-12 pt-cv-content-item pt-cv-1-col\" ><div class='pt-cv-ifield'><a href=\"https:\/\/www.dmsjuridica.com\/buscador_20179478954\/corteconstitucionalcronologico202454587\/t-524-08\/\" class=\"_self pt-cv-href-thumbnail pt-cv-thumb-default\" target=\"_self\" ><\/a>\n<div class=\"pt-cv-taxoterm above_title\"><a href='https:\/\/www.dmsjuridica.com\/buscador_20179478954\/corteconstitucionalcronologico202454587\/category\/buscar-en-toda-la-corte\/2008\/tutelas-2008\/' title='Tutelas 2008' class='pt-cv-tax-tutelas-2008'>Tutelas 2008<\/a><\/div>\n<h4 class=\"pt-cv-title\"><a href=\"https:\/\/www.dmsjuridica.com\/buscador_20179478954\/corteconstitucionalcronologico202454587\/t-524-08\/\" class=\"_self\" target=\"_self\" >T-524-08<\/a><\/h4>\n<div class=\"pt-cv-content\">\u00a0 \u00a0 SENTENCIA T-524\/ 2008 \u00a0 (Mayo 21 de 2008) \u00a0 PROCEDENCIA EXCEPCIONAL DE LA TUTELA EN MATERIA PENSIONAL-Reiteraci\u00f3n de jurisprudencia en cuanto a los requisitos que deben cumplirse para que proceda \u00a0 La Corte Constitucional ha reiterado la procedencia excepcional de la acci\u00f3n de tutela en materia pensional y ha precisado los requisitos de la misma exigiendo que \u201cse cumplan, al menos, tres condiciones: (1) que el no reconocimiento o el reajuste de la pensi\u00f3n de jubilaci\u00f3n o vejez se origine en actuaciones que, prima facie, desvirt\u00faen la presunci\u00f3n de legalidad que recae sobre las actuaciones de la administraci\u00f3n ...<br \/><div class=\"pt-cv-rmwrap\"><a href=\"https:\/\/www.dmsjuridica.com\/buscador_20179478954\/corteconstitucionalcronologico202454587\/t-524-08\/\" class=\"_self pt-cv-readmore btn btn-success\" target=\"_self\">Ver Sentencia Completa...<\/a><\/div><\/div><\/div><\/div>\n<div class=\"col-md-12 col-sm-12 col-xs-12 pt-cv-content-item pt-cv-1-col\" ><div class='pt-cv-ifield'><a href=\"https:\/\/www.dmsjuridica.com\/buscador_20179478954\/corteconstitucionalcronologico202454587\/t-523-08\/\" class=\"_self pt-cv-href-thumbnail pt-cv-thumb-default\" target=\"_self\" ><\/a>\n<div class=\"pt-cv-taxoterm above_title\"><a href='https:\/\/www.dmsjuridica.com\/buscador_20179478954\/corteconstitucionalcronologico202454587\/category\/buscar-en-toda-la-corte\/2008\/tutelas-2008\/' title='Tutelas 2008' class='pt-cv-tax-tutelas-2008'>Tutelas 2008<\/a><\/div>\n<h4 class=\"pt-cv-title\"><a href=\"https:\/\/www.dmsjuridica.com\/buscador_20179478954\/corteconstitucionalcronologico202454587\/t-523-08\/\" class=\"_self\" target=\"_self\" >T-523-08<\/a><\/h4>\n<div class=\"pt-cv-content\">\u00a0 \u00a0 SENTENCIA T-523\/08 \u00a0 (Mayo 21 de 2008) \u00a0 DERECHO A LA SALUD DE EX SOLDADO-Atenci\u00f3n m\u00e9dica cuando el retiro se produce en raz\u00f3n de una lesi\u00f3n o enfermedad adquirida con ocasi\u00f3n del servicio \u00a0 REGLAS JURISPRUDENCIALES PARA PROTEGER EL DERECHO A LA SALUD DE EX SOLDADO-Caso en que el demandante padece un glaucoma y que se desarroll\u00f3 durante su vinculaci\u00f3n como soldado \u00a0 Accionante: Luis Albeiro Alarc\u00f3n Chaparro \u00a0 Accionado: Naci\u00f3n- Ministerio de Defensa Nacional \u00a0 Fallo de tutela objeto de revisi\u00f3n: Sentencia del 19 de diciembre de 2007 del \u00a0 Tribunal Administrativo de \u00a0Cundinamarca, Secci\u00f3n Segunda, Subsecci\u00f3n ...<br \/><div class=\"pt-cv-rmwrap\"><a href=\"https:\/\/www.dmsjuridica.com\/buscador_20179478954\/corteconstitucionalcronologico202454587\/t-523-08\/\" class=\"_self pt-cv-readmore btn btn-success\" target=\"_self\">Ver Sentencia Completa...<\/a><\/div><\/div><\/div><\/div>\n<div class=\"col-md-12 col-sm-12 col-xs-12 pt-cv-content-item pt-cv-1-col\" ><div class='pt-cv-ifield'><a href=\"https:\/\/www.dmsjuridica.com\/buscador_20179478954\/corteconstitucionalcronologico202454587\/t-522-08\/\" class=\"_self pt-cv-href-thumbnail pt-cv-thumb-default\" target=\"_self\" ><\/a>\n<div class=\"pt-cv-taxoterm above_title\"><a href='https:\/\/www.dmsjuridica.com\/buscador_20179478954\/corteconstitucionalcronologico202454587\/category\/buscar-en-toda-la-corte\/2008\/tutelas-2008\/' title='Tutelas 2008' class='pt-cv-tax-tutelas-2008'>Tutelas 2008<\/a><\/div>\n<h4 class=\"pt-cv-title\"><a href=\"https:\/\/www.dmsjuridica.com\/buscador_20179478954\/corteconstitucionalcronologico202454587\/t-522-08\/\" class=\"_self\" target=\"_self\" >T-522-08<\/a><\/h4>\n<div class=\"pt-cv-content\">\u00a0 \u00a0 Sentencia T-522\/08 \u00a0 DERECHO DE PETICION-Director General del INPEC y director de Establecimiento Penitenciario no dieron respuesta de fondo a petici\u00f3n de interno \u00a0 ACCION DE TUTELA-Hecho superado por haberse corregido el desconocimiento del derecho de petici\u00f3n y haberse accedido a la solicitud de traslado de interno \u00a0 Referencia: expediente T-1807562 \u00a0 Acci\u00f3n de tutela instaurada por Hermes D\u00edaz Betancur contra el Director general del INPEC y el Director del Establecimiento Penitenciario de Alta y Mediana Seguridad de Palogordo \u2013 Gir\u00f3n. \u00a0 Magistrado Ponente: \u00a0 Dr. MANUEL JOS\u00c9 CEPEDA ESPINOSA \u00a0 Bogot\u00e1 D.C., veintid\u00f3s (22) de mayo de ...<br \/><div class=\"pt-cv-rmwrap\"><a href=\"https:\/\/www.dmsjuridica.com\/buscador_20179478954\/corteconstitucionalcronologico202454587\/t-522-08\/\" class=\"_self pt-cv-readmore btn btn-success\" target=\"_self\">Ver Sentencia Completa...<\/a><\/div><\/div><\/div><\/div>\n<div class=\"col-md-12 col-sm-12 col-xs-12 pt-cv-content-item pt-cv-1-col\" ><div class='pt-cv-ifield'><a href=\"https:\/\/www.dmsjuridica.com\/buscador_20179478954\/corteconstitucionalcronologico202454587\/t-521-08\/\" class=\"_self pt-cv-href-thumbnail pt-cv-thumb-default\" target=\"_self\" ><\/a>\n<div class=\"pt-cv-taxoterm above_title\"><a href='https:\/\/www.dmsjuridica.com\/buscador_20179478954\/corteconstitucionalcronologico202454587\/category\/buscar-en-toda-la-corte\/2008\/tutelas-2008\/' title='Tutelas 2008' class='pt-cv-tax-tutelas-2008'>Tutelas 2008<\/a><\/div>\n<h4 class=\"pt-cv-title\"><a href=\"https:\/\/www.dmsjuridica.com\/buscador_20179478954\/corteconstitucionalcronologico202454587\/t-521-08\/\" class=\"_self\" target=\"_self\" >T-521-08<\/a><\/h4>\n<div class=\"pt-cv-content\">\u00a0 \u00a0 Sentencia T-521\/08 \u00a0 ACCION DE TUTELA CONTRA PARTICULARES-Procedencia \u00a0 ESTABILIDAD LABORAL REFORZADA DE DISCAPACITADOS-Reiteraci\u00f3n jurisprudencial \u00a0 DERECHO AL TRABAJO DEL DISCAPACITADO-Despido con autorizaci\u00f3n de la oficina de trabajo \u00a0 DERECHO A LA ESTABILIDAD LABORAL REFORZADA DEL DISCAPACITADO-Indemnizaci\u00f3n por despido o terminaci\u00f3n como sanci\u00f3n adicional \u00a0 DESPIDO POR ENFERMEDAD CONTAGIOSA\/ENFERMEDAD NO PROFESIONAL-Pago de prestaciones \u00a0 DERECHO A LA ESTABILIDAD LABORAL REFORZADA DEL DISCAPACITADO-Reintegro al cargo y si no fuere posible solicitar a la oficina de trabajo autorizaci\u00f3n para la terminaci\u00f3n del correspondiente contrato \u00a0 Acci\u00f3n de tutela instaurada por Roque Jacinto Ram\u00edrez Montealegre contra Sociedad Agropecuaria La Esperanza Palestina ...<br \/><div class=\"pt-cv-rmwrap\"><a href=\"https:\/\/www.dmsjuridica.com\/buscador_20179478954\/corteconstitucionalcronologico202454587\/t-521-08\/\" class=\"_self pt-cv-readmore btn btn-success\" target=\"_self\">Ver Sentencia Completa...<\/a><\/div><\/div><\/div><\/div>\n<div class=\"col-md-12 col-sm-12 col-xs-12 pt-cv-content-item pt-cv-1-col\" ><div class='pt-cv-ifield'><a href=\"https:\/\/www.dmsjuridica.com\/buscador_20179478954\/corteconstitucionalcronologico202454587\/t-520-08\/\" class=\"_self pt-cv-href-thumbnail pt-cv-thumb-default\" target=\"_self\" ><\/a>\n<div class=\"pt-cv-taxoterm above_title\"><a href='https:\/\/www.dmsjuridica.com\/buscador_20179478954\/corteconstitucionalcronologico202454587\/category\/buscar-en-toda-la-corte\/2008\/tutelas-2008\/' title='Tutelas 2008' class='pt-cv-tax-tutelas-2008'>Tutelas 2008<\/a><\/div>\n<h4 class=\"pt-cv-title\"><a href=\"https:\/\/www.dmsjuridica.com\/buscador_20179478954\/corteconstitucionalcronologico202454587\/t-520-08\/\" class=\"_self\" target=\"_self\" >T-520-08<\/a><\/h4>\n<div class=\"pt-cv-content\">\u00a0 \u00a0 Sentencia T-520\/08 \u00a0 ACCION DE TUTELA-Procedencia excepcional pago de acreencias laborales \u00a0 DERECHO A LA ESTABILIDAD LABORAL REFORZADA DEL DISCAPACITADO-Protecci\u00f3n \u00a0 SISTEMA DE SEGURIDAD SOCIAL-Deber de afiliaci\u00f3n por el empleador y consecuencias por el incumplimiento \u00a0 EMPLEADOR-Asunci\u00f3n de responsabilidad por mora en aportes en salud \u00a0 INCAPACIDAD LABORAL-Pago por parte de Consorcio \u00a0 DERECHO A LA ESTABILIDAD LABORAL REFORZADA DEL DISCAPACITADO-Despido previa autorizaci\u00f3n de la oficina de trabajo \u00a0 ACCION DE TUTELA PARA ORDENAR REINTEGRO DE TRABAJADOR-Procedencia excepcional \u00a0 ACCION DE TUTELA-Procedencia excepcional para obtener reintegro al cargo cuando se configure un perjuicio irremediable \u00a0 ESTABILIDAD LABORAL REFORZADA-Sujetos ...<br \/><div class=\"pt-cv-rmwrap\"><a href=\"https:\/\/www.dmsjuridica.com\/buscador_20179478954\/corteconstitucionalcronologico202454587\/t-520-08\/\" class=\"_self pt-cv-readmore btn btn-success\" target=\"_self\">Ver Sentencia Completa...<\/a><\/div><\/div><\/div><\/div>\n<div class=\"col-md-12 col-sm-12 col-xs-12 pt-cv-content-item pt-cv-1-col\" ><div class='pt-cv-ifield'><a href=\"https:\/\/www.dmsjuridica.com\/buscador_20179478954\/corteconstitucionalcronologico202454587\/t-519-08\/\" class=\"_self pt-cv-href-thumbnail pt-cv-thumb-default\" target=\"_self\" ><\/a>\n<div class=\"pt-cv-taxoterm above_title\"><a href='https:\/\/www.dmsjuridica.com\/buscador_20179478954\/corteconstitucionalcronologico202454587\/category\/buscar-en-toda-la-corte\/2008\/tutelas-2008\/' title='Tutelas 2008' class='pt-cv-tax-tutelas-2008'>Tutelas 2008<\/a><\/div>\n<h4 class=\"pt-cv-title\"><a href=\"https:\/\/www.dmsjuridica.com\/buscador_20179478954\/corteconstitucionalcronologico202454587\/t-519-08\/\" class=\"_self\" target=\"_self\" >T-519-08<\/a><\/h4>\n<div class=\"pt-cv-content\">\u00a0 \u00a0 Sentencia T-519\/08 \u00a0 BENEFICIARIA DEL SISTEMA DE SALUD DE LA POLICIA NACIONAL-Caso en que la Direcci\u00f3n de Sanidad nunca adelant\u00f3 un procedimiento tendiente a informarle la suspensi\u00f3n de los servicios de salud \u00a0 PRINCIPIO DE CONTINUIDAD EN LA PRESTACION DEL SERVICIO DE SALUD-Caso en que no se pod\u00eda interrumpir el tratamiento de enfermedad de la tiroides \u00a0 Esta Corporaci\u00f3n ha sostenido en numerosas ocasiones que los principios constitucionales que informan el derecho a la salud y la obligaci\u00f3n del Estado de garantizar su prestaci\u00f3n, generan un deber de continuidad en la prestaci\u00f3n de los servicios m\u00e9dicos que requiere ...<br \/><div class=\"pt-cv-rmwrap\"><a href=\"https:\/\/www.dmsjuridica.com\/buscador_20179478954\/corteconstitucionalcronologico202454587\/t-519-08\/\" class=\"_self pt-cv-readmore btn btn-success\" target=\"_self\">Ver Sentencia Completa...<\/a><\/div><\/div><\/div><\/div>\n<div class=\"col-md-12 col-sm-12 col-xs-12 pt-cv-content-item pt-cv-1-col\" ><div class='pt-cv-ifield'><a href=\"https:\/\/www.dmsjuridica.com\/buscador_20179478954\/corteconstitucionalcronologico202454587\/t-518-08\/\" class=\"_self pt-cv-href-thumbnail pt-cv-thumb-default\" target=\"_self\" ><\/a>\n<div class=\"pt-cv-taxoterm above_title\"><a href='https:\/\/www.dmsjuridica.com\/buscador_20179478954\/corteconstitucionalcronologico202454587\/category\/buscar-en-toda-la-corte\/2008\/tutelas-2008\/' title='Tutelas 2008' class='pt-cv-tax-tutelas-2008'>Tutelas 2008<\/a><\/div>\n<h4 class=\"pt-cv-title\"><a href=\"https:\/\/www.dmsjuridica.com\/buscador_20179478954\/corteconstitucionalcronologico202454587\/t-518-08\/\" class=\"_self\" target=\"_self\" >T-518-08<\/a><\/h4>\n<div class=\"pt-cv-content\"> ...<br \/><div class=\"pt-cv-rmwrap\"><a href=\"https:\/\/www.dmsjuridica.com\/buscador_20179478954\/corteconstitucionalcronologico202454587\/t-518-08\/\" class=\"_self pt-cv-readmore btn btn-success\" target=\"_self\">Ver Sentencia Completa...<\/a><\/div><\/div><\/div><\/div>\n<div class=\"col-md-12 col-sm-12 col-xs-12 pt-cv-content-item pt-cv-1-col\" ><div class='pt-cv-ifield'><a href=\"https:\/\/www.dmsjuridica.com\/buscador_20179478954\/corteconstitucionalcronologico202454587\/t-517-08\/\" class=\"_self pt-cv-href-thumbnail pt-cv-thumb-default\" target=\"_self\" ><\/a>\n<div class=\"pt-cv-taxoterm above_title\"><a href='https:\/\/www.dmsjuridica.com\/buscador_20179478954\/corteconstitucionalcronologico202454587\/category\/buscar-en-toda-la-corte\/2008\/tutelas-2008\/' title='Tutelas 2008' class='pt-cv-tax-tutelas-2008'>Tutelas 2008<\/a><\/div>\n<h4 class=\"pt-cv-title\"><a href=\"https:\/\/www.dmsjuridica.com\/buscador_20179478954\/corteconstitucionalcronologico202454587\/t-517-08\/\" class=\"_self\" target=\"_self\" >T-517-08<\/a><\/h4>\n<div class=\"pt-cv-content\"> ...<br \/><div class=\"pt-cv-rmwrap\"><a href=\"https:\/\/www.dmsjuridica.com\/buscador_20179478954\/corteconstitucionalcronologico202454587\/t-517-08\/\" class=\"_self pt-cv-readmore btn btn-success\" target=\"_self\">Ver Sentencia Completa...<\/a><\/div><\/div><\/div><\/div>\n<div class=\"col-md-12 col-sm-12 col-xs-12 pt-cv-content-item pt-cv-1-col\" ><div class='pt-cv-ifield'><a href=\"https:\/\/www.dmsjuridica.com\/buscador_20179478954\/corteconstitucionalcronologico202454587\/t-516-08\/\" class=\"_self pt-cv-href-thumbnail pt-cv-thumb-default\" target=\"_self\" ><\/a>\n<div class=\"pt-cv-taxoterm above_title\"><a href='https:\/\/www.dmsjuridica.com\/buscador_20179478954\/corteconstitucionalcronologico202454587\/category\/buscar-en-toda-la-corte\/2008\/tutelas-2008\/' title='Tutelas 2008' class='pt-cv-tax-tutelas-2008'>Tutelas 2008<\/a><\/div>\n<h4 class=\"pt-cv-title\"><a href=\"https:\/\/www.dmsjuridica.com\/buscador_20179478954\/corteconstitucionalcronologico202454587\/t-516-08\/\" class=\"_self\" target=\"_self\" >T-516-08<\/a><\/h4>\n<div class=\"pt-cv-content\">\u00a0 \u00a0 Sentencia T-516\/08 \u00a0 \u00a0 Referencia: expediente T- 1641707 \u00a0 Acci\u00f3n de tutela instaurada por Jaime Torralvo Su\u00e1rez contra el Consejo Nacional Electoral y el Tribunal Superior del Distrito Judicial de Monter\u00eda. \u00a0 Magistrada Ponente: \u00a0 Dra. CLARA IN\u00c9S VARGAS HERN\u00c1NDEZ. \u00a0 Bogot\u00e1, D.C., veintid\u00f3s (22) de mayo de dos mil ocho (2008). \u00a0 La Sala Novena de Revisi\u00f3n de la Corte Constitucional, integrada por los Magistrados CLARA IN\u00c9S VARGAS HERN\u00c1NDEZ, JAIME ARA\u00daJO RENTER\u00cdA y MANUEL JOS\u00c9 CEPEDA ESPINOSA, en ejercicio de sus competencias constitucionales y legales, en particular las contenidas en los art\u00edculos 86 y 241, numeral 9, ...<br \/><div class=\"pt-cv-rmwrap\"><a href=\"https:\/\/www.dmsjuridica.com\/buscador_20179478954\/corteconstitucionalcronologico202454587\/t-516-08\/\" class=\"_self pt-cv-readmore btn btn-success\" target=\"_self\">Ver Sentencia Completa...<\/a><\/div><\/div><\/div><\/div>\n<div class=\"col-md-12 col-sm-12 col-xs-12 pt-cv-content-item pt-cv-1-col\" ><div class='pt-cv-ifield'><a href=\"https:\/\/www.dmsjuridica.com\/buscador_20179478954\/corteconstitucionalcronologico202454587\/t-515-08\/\" class=\"_self pt-cv-href-thumbnail pt-cv-thumb-default\" target=\"_self\" ><\/a>\n<div class=\"pt-cv-taxoterm above_title\"><a href='https:\/\/www.dmsjuridica.com\/buscador_20179478954\/corteconstitucionalcronologico202454587\/category\/buscar-en-toda-la-corte\/2008\/tutelas-2008\/' title='Tutelas 2008' class='pt-cv-tax-tutelas-2008'>Tutelas 2008<\/a><\/div>\n<h4 class=\"pt-cv-title\"><a href=\"https:\/\/www.dmsjuridica.com\/buscador_20179478954\/corteconstitucionalcronologico202454587\/t-515-08\/\" class=\"_self\" target=\"_self\" >T-515-08<\/a><\/h4>\n<div class=\"pt-cv-content\"> ...<br \/><div class=\"pt-cv-rmwrap\"><a href=\"https:\/\/www.dmsjuridica.com\/buscador_20179478954\/corteconstitucionalcronologico202454587\/t-515-08\/\" class=\"_self pt-cv-readmore btn btn-success\" target=\"_self\">Ver Sentencia Completa...<\/a><\/div><\/div><\/div><\/div>\n<div class=\"col-md-12 col-sm-12 col-xs-12 pt-cv-content-item pt-cv-1-col\" ><div class='pt-cv-ifield'><a href=\"https:\/\/www.dmsjuridica.com\/buscador_20179478954\/corteconstitucionalcronologico202454587\/t-514-08\/\" class=\"_self pt-cv-href-thumbnail pt-cv-thumb-default\" target=\"_self\" ><\/a>\n<div class=\"pt-cv-taxoterm above_title\"><a href='https:\/\/www.dmsjuridica.com\/buscador_20179478954\/corteconstitucionalcronologico202454587\/category\/buscar-en-toda-la-corte\/2008\/tutelas-2008\/' title='Tutelas 2008' class='pt-cv-tax-tutelas-2008'>Tutelas 2008<\/a><\/div>\n<h4 class=\"pt-cv-title\"><a href=\"https:\/\/www.dmsjuridica.com\/buscador_20179478954\/corteconstitucionalcronologico202454587\/t-514-08\/\" class=\"_self\" target=\"_self\" >T-514-08<\/a><\/h4>\n<div class=\"pt-cv-content\"> ...<br \/><div class=\"pt-cv-rmwrap\"><a href=\"https:\/\/www.dmsjuridica.com\/buscador_20179478954\/corteconstitucionalcronologico202454587\/t-514-08\/\" class=\"_self pt-cv-readmore btn btn-success\" target=\"_self\">Ver Sentencia Completa...<\/a><\/div><\/div><\/div><\/div>\n<div class=\"col-md-12 col-sm-12 col-xs-12 pt-cv-content-item pt-cv-1-col\" ><div class='pt-cv-ifield'><a href=\"https:\/\/www.dmsjuridica.com\/buscador_20179478954\/corteconstitucionalcronologico202454587\/t-513-08\/\" class=\"_self pt-cv-href-thumbnail pt-cv-thumb-default\" target=\"_self\" ><\/a>\n<div class=\"pt-cv-taxoterm above_title\"><a href='https:\/\/www.dmsjuridica.com\/buscador_20179478954\/corteconstitucionalcronologico202454587\/category\/buscar-en-toda-la-corte\/2008\/tutelas-2008\/' title='Tutelas 2008' class='pt-cv-tax-tutelas-2008'>Tutelas 2008<\/a><\/div>\n<h4 class=\"pt-cv-title\"><a href=\"https:\/\/www.dmsjuridica.com\/buscador_20179478954\/corteconstitucionalcronologico202454587\/t-513-08\/\" class=\"_self\" target=\"_self\" >T-513-08<\/a><\/h4>\n<div class=\"pt-cv-content\"> ...<br \/><div class=\"pt-cv-rmwrap\"><a href=\"https:\/\/www.dmsjuridica.com\/buscador_20179478954\/corteconstitucionalcronologico202454587\/t-513-08\/\" class=\"_self pt-cv-readmore btn btn-success\" target=\"_self\">Ver Sentencia Completa...<\/a><\/div><\/div><\/div><\/div>\n<div class=\"col-md-12 col-sm-12 col-xs-12 pt-cv-content-item pt-cv-1-col\" ><div class='pt-cv-ifield'><a href=\"https:\/\/www.dmsjuridica.com\/buscador_20179478954\/corteconstitucionalcronologico202454587\/t-512-08\/\" class=\"_self pt-cv-href-thumbnail pt-cv-thumb-default\" target=\"_self\" ><\/a>\n<div class=\"pt-cv-taxoterm above_title\"><a href='https:\/\/www.dmsjuridica.com\/buscador_20179478954\/corteconstitucionalcronologico202454587\/category\/buscar-en-toda-la-corte\/2008\/tutelas-2008\/' title='Tutelas 2008' class='pt-cv-tax-tutelas-2008'>Tutelas 2008<\/a><\/div>\n<h4 class=\"pt-cv-title\"><a href=\"https:\/\/www.dmsjuridica.com\/buscador_20179478954\/corteconstitucionalcronologico202454587\/t-512-08\/\" class=\"_self\" target=\"_self\" >T-512-08<\/a><\/h4>\n<div class=\"pt-cv-content\"> ...<br \/><div class=\"pt-cv-rmwrap\"><a href=\"https:\/\/www.dmsjuridica.com\/buscador_20179478954\/corteconstitucionalcronologico202454587\/t-512-08\/\" class=\"_self pt-cv-readmore btn btn-success\" target=\"_self\">Ver Sentencia Completa...<\/a><\/div><\/div><\/div><\/div>\n<div class=\"col-md-12 col-sm-12 col-xs-12 pt-cv-content-item pt-cv-1-col\" ><div class='pt-cv-ifield'><a href=\"https:\/\/www.dmsjuridica.com\/buscador_20179478954\/corteconstitucionalcronologico202454587\/t-511-08\/\" class=\"_self pt-cv-href-thumbnail pt-cv-thumb-default\" target=\"_self\" ><\/a>\n<div class=\"pt-cv-taxoterm above_title\"><a href='https:\/\/www.dmsjuridica.com\/buscador_20179478954\/corteconstitucionalcronologico202454587\/category\/buscar-en-toda-la-corte\/2008\/tutelas-2008\/' title='Tutelas 2008' class='pt-cv-tax-tutelas-2008'>Tutelas 2008<\/a><\/div>\n<h4 class=\"pt-cv-title\"><a href=\"https:\/\/www.dmsjuridica.com\/buscador_20179478954\/corteconstitucionalcronologico202454587\/t-511-08\/\" class=\"_self\" target=\"_self\" >T-511-08<\/a><\/h4>\n<div class=\"pt-cv-content\"> ...<br \/><div class=\"pt-cv-rmwrap\"><a href=\"https:\/\/www.dmsjuridica.com\/buscador_20179478954\/corteconstitucionalcronologico202454587\/t-511-08\/\" class=\"_self pt-cv-readmore btn btn-success\" target=\"_self\">Ver Sentencia Completa...<\/a><\/div><\/div><\/div><\/div>\n<div class=\"col-md-12 col-sm-12 col-xs-12 pt-cv-content-item pt-cv-1-col\" ><div class='pt-cv-ifield'><a href=\"https:\/\/www.dmsjuridica.com\/buscador_20179478954\/corteconstitucionalcronologico202454587\/t-506-08\/\" class=\"_self pt-cv-href-thumbnail pt-cv-thumb-default\" target=\"_self\" ><\/a>\n<div class=\"pt-cv-taxoterm above_title\"><a href='https:\/\/www.dmsjuridica.com\/buscador_20179478954\/corteconstitucionalcronologico202454587\/category\/buscar-en-toda-la-corte\/2008\/tutelas-2008\/' title='Tutelas 2008' class='pt-cv-tax-tutelas-2008'>Tutelas 2008<\/a><\/div>\n<h4 class=\"pt-cv-title\"><a href=\"https:\/\/www.dmsjuridica.com\/buscador_20179478954\/corteconstitucionalcronologico202454587\/t-506-08\/\" class=\"_self\" target=\"_self\" >T-506-08<\/a><\/h4>\n<div class=\"pt-cv-content\">\u00a0 \u00a0 \u00a0 \u00a0 Sentencia T-506\/08 \u00a0 DESPLAZAMIENTO FORZADO INTERNO-Procedencia de tutela como mecanismo de protecci\u00f3n de los derechos fundamentales de la poblaci\u00f3n desplazada \u00a0 ACCION DE TUTELA-Procedencia respecto a desplazados \u00a0 INSCRIPCION EN EL REGISTRO UNICO DE POBLACION DESPLAZADA-Criterios y normas que deben tenerse en cuenta \u00a0 La jurisprudencia de esta Corte se\u00f1ala una serie de reglas relativas a la inscripci\u00f3n de una persona en el Registro \u00danico de Poblaci\u00f3n Desplazada, que es propio tener en cuenta: 1. Los servidores p\u00fablicos deben informar de manera oportuna y completa a quien pueda encontrarse en situaci\u00f3n de desplazamiento forzado, sobre la ...<br \/><div class=\"pt-cv-rmwrap\"><a href=\"https:\/\/www.dmsjuridica.com\/buscador_20179478954\/corteconstitucionalcronologico202454587\/t-506-08\/\" class=\"_self pt-cv-readmore btn btn-success\" target=\"_self\">Ver Sentencia Completa...<\/a><\/div><\/div><\/div><\/div>\n<div class=\"col-md-12 col-sm-12 col-xs-12 pt-cv-content-item pt-cv-1-col\" ><div class='pt-cv-ifield'><a href=\"https:\/\/www.dmsjuridica.com\/buscador_20179478954\/corteconstitucionalcronologico202454587\/t-505-08\/\" class=\"_self pt-cv-href-thumbnail pt-cv-thumb-default\" target=\"_self\" ><\/a>\n<div class=\"pt-cv-taxoterm above_title\"><a href='https:\/\/www.dmsjuridica.com\/buscador_20179478954\/corteconstitucionalcronologico202454587\/category\/buscar-en-toda-la-corte\/2008\/tutelas-2008\/' title='Tutelas 2008' class='pt-cv-tax-tutelas-2008'>Tutelas 2008<\/a><\/div>\n<h4 class=\"pt-cv-title\"><a href=\"https:\/\/www.dmsjuridica.com\/buscador_20179478954\/corteconstitucionalcronologico202454587\/t-505-08\/\" class=\"_self\" target=\"_self\" >T-505-08<\/a><\/h4>\n<div class=\"pt-cv-content\">\u00a0 \u00a0 Sentencia T-505\/08 \u00a0 LICENCIA DE MATERNIDAD-Reconocimiento y pago por tutela \u00a0 LABOR DE REITERACION DE JUECES DE TUTELA\/DEBER DE GARANTIZAR LA EFECTIVIDAD DEL DERECHO A LA IGUALDAD DE TRATO JURIDICO \u00a0 REVISION DE LOS FALLOS DE TUTELA POR LA CORTE CONSTITUCIONAL-Cumple dos funciones \u00a0 Conforme lo ha precisado esta Corporaci\u00f3n, la eventual revisi\u00f3n de los fallos de tutela por parte del m\u00e1ximo y aut\u00e9ntico int\u00e9rprete de la Constituci\u00f3n cumple dos funciones: i) una primaria que reside en la consolidaci\u00f3n y armonizaci\u00f3n de la jurisprudencia relativa a la efectividad de los postulados y mandatos superiores en materia de derechos ...<br \/><div class=\"pt-cv-rmwrap\"><a href=\"https:\/\/www.dmsjuridica.com\/buscador_20179478954\/corteconstitucionalcronologico202454587\/t-505-08\/\" class=\"_self pt-cv-readmore btn btn-success\" target=\"_self\">Ver Sentencia Completa...<\/a><\/div><\/div><\/div><\/div>\n<div class=\"col-md-12 col-sm-12 col-xs-12 pt-cv-content-item pt-cv-1-col\" ><div class='pt-cv-ifield'><a href=\"https:\/\/www.dmsjuridica.com\/buscador_20179478954\/corteconstitucionalcronologico202454587\/t-504-08\/\" class=\"_self pt-cv-href-thumbnail pt-cv-thumb-default\" target=\"_self\" ><\/a>\n<div class=\"pt-cv-taxoterm above_title\"><a href='https:\/\/www.dmsjuridica.com\/buscador_20179478954\/corteconstitucionalcronologico202454587\/category\/buscar-en-toda-la-corte\/2008\/tutelas-2008\/' title='Tutelas 2008' class='pt-cv-tax-tutelas-2008'>Tutelas 2008<\/a><\/div>\n<h4 class=\"pt-cv-title\"><a href=\"https:\/\/www.dmsjuridica.com\/buscador_20179478954\/corteconstitucionalcronologico202454587\/t-504-08\/\" class=\"_self\" target=\"_self\" >T-504-08<\/a><\/h4>\n<div class=\"pt-cv-content\"> ...<br \/><div class=\"pt-cv-rmwrap\"><a href=\"https:\/\/www.dmsjuridica.com\/buscador_20179478954\/corteconstitucionalcronologico202454587\/t-504-08\/\" class=\"_self pt-cv-readmore btn btn-success\" target=\"_self\">Ver Sentencia Completa...<\/a><\/div><\/div><\/div><\/div>\n<div class=\"col-md-12 col-sm-12 col-xs-12 pt-cv-content-item pt-cv-1-col\" ><div class='pt-cv-ifield'><a href=\"https:\/\/www.dmsjuridica.com\/buscador_20179478954\/corteconstitucionalcronologico202454587\/t-503-08\/\" class=\"_self pt-cv-href-thumbnail pt-cv-thumb-default\" target=\"_self\" ><\/a>\n<div class=\"pt-cv-taxoterm above_title\"><a href='https:\/\/www.dmsjuridica.com\/buscador_20179478954\/corteconstitucionalcronologico202454587\/category\/buscar-en-toda-la-corte\/2008\/tutelas-2008\/' title='Tutelas 2008' class='pt-cv-tax-tutelas-2008'>Tutelas 2008<\/a><\/div>\n<h4 class=\"pt-cv-title\"><a href=\"https:\/\/www.dmsjuridica.com\/buscador_20179478954\/corteconstitucionalcronologico202454587\/t-503-08\/\" class=\"_self\" target=\"_self\" >T-503-08<\/a><\/h4>\n<div class=\"pt-cv-content\">\u00a0 \u00a0 Sentencia T-503\/08 \u00a0 DERECHO A LA SALUD DE USUARIO DEL SISBEN-Pr\u00e1ctica de ex\u00e1menes m\u00e9dicos\/DERECHO A LA SALUD EN CONEXIDAD CON EL DERECHO A LA VIDA EN CONDICIONES DIGNAS-Reiteraci\u00f3n de jurisprudencia\/PLAN OBLIGATORIO DE SALUD SUBSIDIADO-Servicios m\u00e9dicos excluidos\/PAGOS MODERADORES DENTRO DEL REGIMEN SUBSIDIADO \u00a0 Esta Sala conceder\u00e1 el amparo invocado y ordenar\u00e1 a SaludVida E.P.S-S que autorice y practique al accionante la totalidad de ex\u00e1menes que fueron ordenados por su m\u00e9dica tratante y que se abstenga de exigir la cancelaci\u00f3n de cuotas de recuperaci\u00f3n o copagos para proceder a la prestaci\u00f3n de los servicios excluidos del plan de beneficios que ...<br \/><div class=\"pt-cv-rmwrap\"><a href=\"https:\/\/www.dmsjuridica.com\/buscador_20179478954\/corteconstitucionalcronologico202454587\/t-503-08\/\" class=\"_self pt-cv-readmore btn btn-success\" target=\"_self\">Ver Sentencia Completa...<\/a><\/div><\/div><\/div><\/div>\n<div class=\"col-md-12 col-sm-12 col-xs-12 pt-cv-content-item pt-cv-1-col\" ><div class='pt-cv-ifield'><a href=\"https:\/\/www.dmsjuridica.com\/buscador_20179478954\/corteconstitucionalcronologico202454587\/t-502-08\/\" class=\"_self pt-cv-href-thumbnail pt-cv-thumb-default\" target=\"_self\" ><\/a>\n<div class=\"pt-cv-taxoterm above_title\"><a href='https:\/\/www.dmsjuridica.com\/buscador_20179478954\/corteconstitucionalcronologico202454587\/category\/buscar-en-toda-la-corte\/2008\/tutelas-2008\/' title='Tutelas 2008' class='pt-cv-tax-tutelas-2008'>Tutelas 2008<\/a><\/div>\n<h4 class=\"pt-cv-title\"><a href=\"https:\/\/www.dmsjuridica.com\/buscador_20179478954\/corteconstitucionalcronologico202454587\/t-502-08\/\" class=\"_self\" target=\"_self\" >T-502-08<\/a><\/h4>\n<div class=\"pt-cv-content\">\u00a0 \u00a0 Sentencia T-502\/08 \u00a0 Referencia: expediente T-1.787.027 \u00a0 Accionante: Nohora Yadira Mart\u00ednez \u00a0 Demandado: Juzgado Veinte de Familia de Bogot\u00e1 y Juzgado Promiscuo Municipal de la Vega \u00a0 Magistrado Ponente: \u00a0 Dr. RODRIGO ESCOBAR GIL \u00a0 Bogot\u00e1 D.C., diecis\u00e9is (16) de mayo de dos mil ocho (2008) \u00a0 La Sala Cuarta de Revisi\u00f3n de la Corte Constitucional, integrada por los Magistrados Rodrigo Escobar Gil, Mauricio Gonz\u00e1lez Cuervo y Marco Gerardo Monroy Cabra, en ejercicio de sus competencias constitucionales y legales, ha pronunciado la siguiente \u00a0 SENTENCIA \u00a0 En el proceso de revisi\u00f3n de los fallos de tutela proferidos por ...<br \/><div class=\"pt-cv-rmwrap\"><a href=\"https:\/\/www.dmsjuridica.com\/buscador_20179478954\/corteconstitucionalcronologico202454587\/t-502-08\/\" class=\"_self pt-cv-readmore btn btn-success\" target=\"_self\">Ver Sentencia Completa...<\/a><\/div><\/div><\/div><\/div>\n<div class=\"col-md-12 col-sm-12 col-xs-12 pt-cv-content-item pt-cv-1-col\" ><div class='pt-cv-ifield'><a href=\"https:\/\/www.dmsjuridica.com\/buscador_20179478954\/corteconstitucionalcronologico202454587\/t-501-08\/\" class=\"_self pt-cv-href-thumbnail pt-cv-thumb-default\" target=\"_self\" ><\/a>\n<div class=\"pt-cv-taxoterm above_title\"><a href='https:\/\/www.dmsjuridica.com\/buscador_20179478954\/corteconstitucionalcronologico202454587\/category\/buscar-en-toda-la-corte\/2008\/tutelas-2008\/' title='Tutelas 2008' class='pt-cv-tax-tutelas-2008'>Tutelas 2008<\/a><\/div>\n<h4 class=\"pt-cv-title\"><a href=\"https:\/\/www.dmsjuridica.com\/buscador_20179478954\/corteconstitucionalcronologico202454587\/t-501-08\/\" class=\"_self\" target=\"_self\" >T-501-08<\/a><\/h4>\n<div class=\"pt-cv-content\">\u00a0 \u00a0 SENTENCIA T-501\/ 2008 \u00a0 (Mayo 16 de 2008) \u00a0 DERECHO A LA SALUD DEL ADULTO MAYOR TIENE CARACTER FUNDAMENTAL AUTONOMO \u00a0 ACCION DE TUTELA PARA LA OBTENCION DE TRATAMIENTOS, PROCEDIMIENTOS O MEDICAMENTOS EXCLUIDOS DEL POS O DEL POS-S \u00a0 REGIMEN SUBSIDIADO EN EL SISTEMA GENERAL DE SEGURIDAD SOCIAL EN SALUD \u00a0 PAGOS COMPARTIDOS A LOS AFILIADOS AL REGIMEN SUBSIDIADO DE SEGURIDAD SOCIAL EN SALUD \u00a0 ACCION DE TUTELA-Hecho superado no exime de pronunciamiento de fondo \u00a0 HECHO SUPERADO POR RECLASIFICACION EN EL SISBEN \u00a0 HECHO SUPERADO POR FALLECIMIENTO DEL ADULTO MAYOR \u00a0 Referencia: expediente T-1.730.335 \u00a0 Accionante: Julia ...<br \/><div class=\"pt-cv-rmwrap\"><a href=\"https:\/\/www.dmsjuridica.com\/buscador_20179478954\/corteconstitucionalcronologico202454587\/t-501-08\/\" class=\"_self pt-cv-readmore btn btn-success\" target=\"_self\">Ver Sentencia Completa...<\/a><\/div><\/div><\/div><\/div>\n<div class=\"col-md-12 col-sm-12 col-xs-12 pt-cv-content-item pt-cv-1-col\" ><div class='pt-cv-ifield'><a href=\"https:\/\/www.dmsjuridica.com\/buscador_20179478954\/corteconstitucionalcronologico202454587\/t-500-08\/\" class=\"_self pt-cv-href-thumbnail pt-cv-thumb-default\" target=\"_self\" ><\/a>\n<div class=\"pt-cv-taxoterm above_title\"><a href='https:\/\/www.dmsjuridica.com\/buscador_20179478954\/corteconstitucionalcronologico202454587\/category\/buscar-en-toda-la-corte\/2008\/tutelas-2008\/' title='Tutelas 2008' class='pt-cv-tax-tutelas-2008'>Tutelas 2008<\/a><\/div>\n<h4 class=\"pt-cv-title\"><a href=\"https:\/\/www.dmsjuridica.com\/buscador_20179478954\/corteconstitucionalcronologico202454587\/t-500-08\/\" class=\"_self\" target=\"_self\" >T-500-08<\/a><\/h4>\n<div class=\"pt-cv-content\">\u00a0 \u00a0 SENTENCIA T-500\/08 \u00a0 (Mayo 16 de 2008) \u00a0 ACCION DE TUTELA-Procedencia excepcional pago de mesadas pensionales \u00a0 DERECHO AL MINIMO VITAL ANTE EL NO PAGO DE MESADAS PENSIONALES-Requisitos para acreditar vulneraci\u00f3n \u00a0 EMPLEADOR-Situaci\u00f3n econ\u00f3mica o presupuestal no es \u00f3bice para desconocer pago de acreencias laborales \u00a0 DERECHO AL PAGO OPORTUNO DE MESADAS PENSIONALES-Caso de pensionados de la Universidad del Magdalena \u00a0 Referencia: expediente T-1.618.893 \u00a0 Accionante: Miguel Castro Robles\u00a0 \u00a0 Accionados: Ministerio de Hacienda y Cr\u00e9dito P\u00fablico, la Gobernaci\u00f3n y la \u00a0Universidad del Magdalena. \u00a0 Fallos de tutela objeto de revisi\u00f3n: Sentencia de la Sala de Casaci\u00f3n Laboral ...<br \/><div class=\"pt-cv-rmwrap\"><a href=\"https:\/\/www.dmsjuridica.com\/buscador_20179478954\/corteconstitucionalcronologico202454587\/t-500-08\/\" class=\"_self pt-cv-readmore btn btn-success\" target=\"_self\">Ver Sentencia Completa...<\/a><\/div><\/div><\/div><\/div>\n<div class=\"col-md-12 col-sm-12 col-xs-12 pt-cv-content-item pt-cv-1-col\" ><div class='pt-cv-ifield'><a href=\"https:\/\/www.dmsjuridica.com\/buscador_20179478954\/corteconstitucionalcronologico202454587\/t-499-08\/\" class=\"_self pt-cv-href-thumbnail pt-cv-thumb-default\" target=\"_self\" ><\/a>\n<div class=\"pt-cv-taxoterm above_title\"><a href='https:\/\/www.dmsjuridica.com\/buscador_20179478954\/corteconstitucionalcronologico202454587\/category\/buscar-en-toda-la-corte\/2008\/tutelas-2008\/' title='Tutelas 2008' class='pt-cv-tax-tutelas-2008'>Tutelas 2008<\/a><\/div>\n<h4 class=\"pt-cv-title\"><a href=\"https:\/\/www.dmsjuridica.com\/buscador_20179478954\/corteconstitucionalcronologico202454587\/t-499-08\/\" class=\"_self\" target=\"_self\" >T-499-08<\/a><\/h4>\n<div class=\"pt-cv-content\">\u00a0 \u00a0 SENTENCIA T-499\/08 \u00a0 \u00a0(Mayo 16 de 2008) \u00a0 TELECOM-Naturaleza jur\u00eddica \u00a0 CONTRATO DE PRESTACION DE SERVICIOS-Regulaci\u00f3n en el Decreto Ley 222 de 1983 \u00a0 COMPETENCIA JUDICIAL-Asignaci\u00f3n ordinaria por legislador \u00a0 JURISDICCION CONTENCIOSO ADMINISTRATIVA-Competencia \u00a0 ACCION DE TUTELA CONTRA PROVIDENCIAS JUDICIALES-Requisitos de procedibilidad \u00a0 ACCION DE TUTELA CONTRA PROVIDENCIAS JUDICIALES-Car\u00e1cter excepcional y subsidiario \u00a0 ACCION DE TUTELA CONTRA PROVIDENCIAS JUDICIALES-Requisitos b\u00e1sicos de procedencia \u00a0 JURISDICCION CONTENCIOSO ADMINISTRATIVA-Competente para conocer de la revisi\u00f3n de los contratos de car\u00e1cter estatal \u00a0 ACCION DE TUTELA CONTRA PROVIDENCIAS JUDICIALES-Improcedencia por no existir v\u00eda de hecho en proceso laboral \u00a0 Referencia: expediente T-1.624.932 \u00a0 ...<br \/><div class=\"pt-cv-rmwrap\"><a href=\"https:\/\/www.dmsjuridica.com\/buscador_20179478954\/corteconstitucionalcronologico202454587\/t-499-08\/\" class=\"_self pt-cv-readmore btn btn-success\" target=\"_self\">Ver Sentencia Completa...<\/a><\/div><\/div><\/div><\/div>\n<div class=\"col-md-12 col-sm-12 col-xs-12 pt-cv-content-item pt-cv-1-col\" ><div class='pt-cv-ifield'><a href=\"https:\/\/www.dmsjuridica.com\/buscador_20179478954\/corteconstitucionalcronologico202454587\/t-498-08\/\" class=\"_self pt-cv-href-thumbnail pt-cv-thumb-default\" target=\"_self\" ><\/a>\n<div class=\"pt-cv-taxoterm above_title\"><a href='https:\/\/www.dmsjuridica.com\/buscador_20179478954\/corteconstitucionalcronologico202454587\/category\/buscar-en-toda-la-corte\/2008\/tutelas-2008\/' title='Tutelas 2008' class='pt-cv-tax-tutelas-2008'>Tutelas 2008<\/a><\/div>\n<h4 class=\"pt-cv-title\"><a href=\"https:\/\/www.dmsjuridica.com\/buscador_20179478954\/corteconstitucionalcronologico202454587\/t-498-08\/\" class=\"_self\" target=\"_self\" >T-498-08<\/a><\/h4>\n<div class=\"pt-cv-content\">\u00a0 \u00a0 SENTENCIA T-498\/08 \u00a0 (Mayo 16 de 2008) \u00a0 SUJETOS DE ESPECIAL PROTECCION CONSTITUCIONAL-Personas en condiciones de vulnerabilidad, debilidad o marginalidad \u00a0 ACCION DE TUTELA-Procedencia excepcional para reconocimiento y pago de pensi\u00f3n de invalidez \u00a0 PENSION DE INVALIDEZ-Requisitos para obtener reconocimiento y pago \u00a0 PENSION DE INVALIDEZ-Pago por allanamiento a la mora \u00a0 MEDIO DE DEFENSA JUDICIAL-Apreciaci\u00f3n por el juez constitucional en relaci\u00f3n con el agotamiento de los recursos ordinarios\/MEDIO DE DEFENSA JUDICIAL-Procedencia de la tutela cuando se afectan derechos fundamentales de sujetos de especial protecci\u00f3n \u00a0 PENSION DE INVALIDEZ-Reconocimiento \u00a0 Referencia: expediente T-1.663.452 \u00a0 Accionante: Ruth Mar\u00eda Vega ...<br \/><div class=\"pt-cv-rmwrap\"><a href=\"https:\/\/www.dmsjuridica.com\/buscador_20179478954\/corteconstitucionalcronologico202454587\/t-498-08\/\" class=\"_self pt-cv-readmore btn btn-success\" target=\"_self\">Ver Sentencia Completa...<\/a><\/div><\/div><\/div><\/div>\n<div class=\"col-md-12 col-sm-12 col-xs-12 pt-cv-content-item pt-cv-1-col\" ><div class='pt-cv-ifield'><a href=\"https:\/\/www.dmsjuridica.com\/buscador_20179478954\/corteconstitucionalcronologico202454587\/t-497-08\/\" class=\"_self pt-cv-href-thumbnail pt-cv-thumb-default\" target=\"_self\" ><\/a>\n<div class=\"pt-cv-taxoterm above_title\"><a href='https:\/\/www.dmsjuridica.com\/buscador_20179478954\/corteconstitucionalcronologico202454587\/category\/buscar-en-toda-la-corte\/2008\/tutelas-2008\/' title='Tutelas 2008' class='pt-cv-tax-tutelas-2008'>Tutelas 2008<\/a><\/div>\n<h4 class=\"pt-cv-title\"><a href=\"https:\/\/www.dmsjuridica.com\/buscador_20179478954\/corteconstitucionalcronologico202454587\/t-497-08\/\" class=\"_self\" target=\"_self\" >T-497-08<\/a><\/h4>\n<div class=\"pt-cv-content\">\u00a0 \u00a0 SENTENCIA T-497\/08 \u00a0 (Mayo 16 de 2008) \u00a0 ACCION DE TUTELA-Procedencia excepcional pago de mesadas pensionales \u00a0 DERECHO AL MINIMO VITAL ANTE EL NO PAGO DE MESADAS PENSIONALES-Requisitos para acreditar vulneraci\u00f3n \u00a0 EMPLEADOR-Situaci\u00f3n econ\u00f3mica o presupuestal no es \u00f3bice para desconocer pago de acreencias laborales \u00a0 DERECHO AL PAGO OPORTUNO DE MESADAS PENSIONALES-Caso de pensionados de la Universidad del Magdalena \u00a0 Referencia: expediente T-1.678.976 \u00a0 Accionante: Domingo Morron Bornacelli \u00a0 Accionados: Ministerio de Hacienda y Cr\u00e9dito P\u00fablico, Gobernaci\u00f3n del Magdalena y Universidad del Magdalena. \u00a0 Fallo de tutela objeto de revisi\u00f3n: Sentencia de la Sala Laboral H. Tribunal ...<br \/><div class=\"pt-cv-rmwrap\"><a href=\"https:\/\/www.dmsjuridica.com\/buscador_20179478954\/corteconstitucionalcronologico202454587\/t-497-08\/\" class=\"_self pt-cv-readmore btn btn-success\" target=\"_self\">Ver Sentencia Completa...<\/a><\/div><\/div><\/div><\/div>\n<div class=\"col-md-12 col-sm-12 col-xs-12 pt-cv-content-item pt-cv-1-col\" ><div class='pt-cv-ifield'><a href=\"https:\/\/www.dmsjuridica.com\/buscador_20179478954\/corteconstitucionalcronologico202454587\/t-496-08\/\" class=\"_self pt-cv-href-thumbnail pt-cv-thumb-default\" target=\"_self\" ><\/a>\n<div class=\"pt-cv-taxoterm above_title\"><a href='https:\/\/www.dmsjuridica.com\/buscador_20179478954\/corteconstitucionalcronologico202454587\/category\/buscar-en-toda-la-corte\/2008\/tutelas-2008\/' title='Tutelas 2008' class='pt-cv-tax-tutelas-2008'>Tutelas 2008<\/a><\/div>\n<h4 class=\"pt-cv-title\"><a href=\"https:\/\/www.dmsjuridica.com\/buscador_20179478954\/corteconstitucionalcronologico202454587\/t-496-08\/\" class=\"_self\" target=\"_self\" >T-496-08<\/a><\/h4>\n<div class=\"pt-cv-content\">\u00a0 \u00a0 Sentencia T-496\/08 \u00a0 MEDIO DE DEFENSA ALTERNATIVO-Tiene que ser materialmente apto para lograr que los derechos fundamentales en juego sean efectivamente protegidos \u00a0 PREVALENCIA DEL DERECHO SUSTANCIAL-La sola existencia formal y abstracta de un medio de defensa no satisface por si misma la garant\u00eda de protecci\u00f3n de los derechos \u00a0 JUEZ-Debe valorar si el medio de defensa judicial existente cumple con los requisitos de idoneidad y eficacia \u00a0 ACCION DE TUTELA-Pretende propugnar por el dise\u00f1o de una pol\u00edtica integral de Estado que garantice los derechos fundamentales de las v\u00edctimas de los procesos de la ley de justicia y ...<br \/><div class=\"pt-cv-rmwrap\"><a href=\"https:\/\/www.dmsjuridica.com\/buscador_20179478954\/corteconstitucionalcronologico202454587\/t-496-08\/\" class=\"_self pt-cv-readmore btn btn-success\" target=\"_self\">Ver Sentencia Completa...<\/a><\/div><\/div><\/div><\/div>\n<div class=\"col-md-12 col-sm-12 col-xs-12 pt-cv-content-item pt-cv-1-col\" ><div class='pt-cv-ifield'><a href=\"https:\/\/www.dmsjuridica.com\/buscador_20179478954\/corteconstitucionalcronologico202454587\/t-495-08\/\" class=\"_self pt-cv-href-thumbnail pt-cv-thumb-default\" target=\"_self\" ><\/a>\n<div class=\"pt-cv-taxoterm above_title\"><a href='https:\/\/www.dmsjuridica.com\/buscador_20179478954\/corteconstitucionalcronologico202454587\/category\/buscar-en-toda-la-corte\/2008\/tutelas-2008\/' title='Tutelas 2008' class='pt-cv-tax-tutelas-2008'>Tutelas 2008<\/a><\/div>\n<h4 class=\"pt-cv-title\"><a href=\"https:\/\/www.dmsjuridica.com\/buscador_20179478954\/corteconstitucionalcronologico202454587\/t-495-08\/\" class=\"_self\" target=\"_self\" >T-495-08<\/a><\/h4>\n<div class=\"pt-cv-content\"> ...<br \/><div class=\"pt-cv-rmwrap\"><a href=\"https:\/\/www.dmsjuridica.com\/buscador_20179478954\/corteconstitucionalcronologico202454587\/t-495-08\/\" class=\"_self pt-cv-readmore btn btn-success\" target=\"_self\">Ver Sentencia Completa...<\/a><\/div><\/div><\/div><\/div>\n<div class=\"col-md-12 col-sm-12 col-xs-12 pt-cv-content-item pt-cv-1-col\" ><div class='pt-cv-ifield'><a href=\"https:\/\/www.dmsjuridica.com\/buscador_20179478954\/corteconstitucionalcronologico202454587\/t-494-08\/\" class=\"_self pt-cv-href-thumbnail pt-cv-thumb-default\" target=\"_self\" ><\/a>\n<div class=\"pt-cv-taxoterm above_title\"><a href='https:\/\/www.dmsjuridica.com\/buscador_20179478954\/corteconstitucionalcronologico202454587\/category\/buscar-en-toda-la-corte\/2008\/tutelas-2008\/' title='Tutelas 2008' class='pt-cv-tax-tutelas-2008'>Tutelas 2008<\/a><\/div>\n<h4 class=\"pt-cv-title\"><a href=\"https:\/\/www.dmsjuridica.com\/buscador_20179478954\/corteconstitucionalcronologico202454587\/t-494-08\/\" class=\"_self\" target=\"_self\" >T-494-08<\/a><\/h4>\n<div class=\"pt-cv-content\">\u00a0 \u00a0 SENTENCIA T-494\/08\u00a0 \u00a0 (Mayo 15 de 2008) \u00a0 ACCION DE TUTELA-Procedencia excepcional pago de prestaciones sociales \u00a0 PENSION DE INVALIDEZ-Naturaleza jur\u00eddica\/PENSION DE INVALIDEZ-Fundamental \u00a0 PENSION DE INVALIDEZ-Condiciones para acceder a ella \u00a0 DERECHOS ADQUIRIDOS Y MERAS EXPECTATIVAS-Diferencias \u00a0 DERECHO A LA PENSION DE INVALIDEZ-Vulneraci\u00f3n por reliquidaci\u00f3n sin tener en cuenta el derecho adquirido y el respeto a lo consagrado en disposiciones legales que reconocieron la prestaci\u00f3n econ\u00f3mica \u00a0 Referencia: Expediente T- 1.787.036\u00a0 \u00a0 Accionante: Antonio Mar\u00eda Amezquita Romero\u00a0 \u00a0 Accionado: Caja de Previsi\u00f3n Social de Comunicaciones \u201cCAPRECOM\u201d \u00a0 Fallo de tutela objeto de revisi\u00f3n: sentencia del Tribunal Superior ...<br \/><div class=\"pt-cv-rmwrap\"><a href=\"https:\/\/www.dmsjuridica.com\/buscador_20179478954\/corteconstitucionalcronologico202454587\/t-494-08\/\" class=\"_self pt-cv-readmore btn btn-success\" target=\"_self\">Ver Sentencia Completa...<\/a><\/div><\/div><\/div><\/div>\n<div class=\"col-md-12 col-sm-12 col-xs-12 pt-cv-content-item pt-cv-1-col\" ><div class='pt-cv-ifield'><a href=\"https:\/\/www.dmsjuridica.com\/buscador_20179478954\/corteconstitucionalcronologico202454587\/t-493-08\/\" class=\"_self pt-cv-href-thumbnail pt-cv-thumb-default\" target=\"_self\" ><\/a>\n<div class=\"pt-cv-taxoterm above_title\"><a href='https:\/\/www.dmsjuridica.com\/buscador_20179478954\/corteconstitucionalcronologico202454587\/category\/buscar-en-toda-la-corte\/2008\/tutelas-2008\/' title='Tutelas 2008' class='pt-cv-tax-tutelas-2008'>Tutelas 2008<\/a><\/div>\n<h4 class=\"pt-cv-title\"><a href=\"https:\/\/www.dmsjuridica.com\/buscador_20179478954\/corteconstitucionalcronologico202454587\/t-493-08\/\" class=\"_self\" target=\"_self\" >T-493-08<\/a><\/h4>\n<div class=\"pt-cv-content\">\u00a0 \u00a0 \u00a0SENTENCIA T-493\/08 \u00a0 ( Mayo 15 de 2008 \u00a0) \u00a0 LICENCIA DE MATERNIDAD-Reiteraci\u00f3n de jurisprudencia\/LICENCIA DE MATERNIDAD Y ALLANAMIENTO A LA MORA-La EPS recibi\u00f3 la totalidad de los aportes as\u00ed hubiera sido de manera extempor\u00e1nea \u00a0 Referencia: Expediente T-1.799.790\u00a0 \u00a0 Accionante: \u00a0Suanny V\u00e1squez Mart\u00ednez \u00a0 Accionado: \u00a0SALUDCOOP E.P.S. \u00a0 Fallo de tutela objeto de revisi\u00f3n: Sentencia de agosto 31 de 2007 del Juzgado Primero Civil Municipal y de Control de Garant\u00edas de Santa Rosa de Cabal \u2013 Risaralda (no impugnada). \u00a0 \u00a0\u00a0 \u00a0 Magistrados de la Sala Quinta de Revisi\u00f3n: Mauricio Gonz\u00e1lez Cuervo, Marco Gerardo Monroy Cabra y ...<br \/><div class=\"pt-cv-rmwrap\"><a href=\"https:\/\/www.dmsjuridica.com\/buscador_20179478954\/corteconstitucionalcronologico202454587\/t-493-08\/\" class=\"_self pt-cv-readmore btn btn-success\" target=\"_self\">Ver Sentencia Completa...<\/a><\/div><\/div><\/div><\/div>\n<div class=\"col-md-12 col-sm-12 col-xs-12 pt-cv-content-item pt-cv-1-col\" ><div class='pt-cv-ifield'><a href=\"https:\/\/www.dmsjuridica.com\/buscador_20179478954\/corteconstitucionalcronologico202454587\/t-492-08\/\" class=\"_self pt-cv-href-thumbnail pt-cv-thumb-default\" target=\"_self\" ><\/a>\n<div class=\"pt-cv-taxoterm above_title\"><a href='https:\/\/www.dmsjuridica.com\/buscador_20179478954\/corteconstitucionalcronologico202454587\/category\/buscar-en-toda-la-corte\/2008\/tutelas-2008\/' title='Tutelas 2008' class='pt-cv-tax-tutelas-2008'>Tutelas 2008<\/a><\/div>\n<h4 class=\"pt-cv-title\"><a href=\"https:\/\/www.dmsjuridica.com\/buscador_20179478954\/corteconstitucionalcronologico202454587\/t-492-08\/\" class=\"_self\" target=\"_self\" >T-492-08<\/a><\/h4>\n<div class=\"pt-cv-content\">\u00a0 \u00a0 SENTENCIA T-492\/08 \u00a0 (Mayo 15 de 2008) \u00a0 DERECHO A LA SALUD DEL ADULTO MAYOR-Fundamental aut\u00f3nomo \u00a0 INAPLICACION DE NORMAS DEL PLAN OBLIGATORIO DE SALUD-Casos en que procede \u00a0 DERECHO A LA SALUD DE PERSONA DE LA TERCERA EDAD-EPS COOMEVA debe suministrar el tratamiento, procedimiento y medicamentos necesarios para el restablecimiento de la salud por el padecimiento de anemia cr\u00f3nica \u00a0 Referencia: Expediente T- 1.797.200\u00a0 \u00a0 Accionante: V\u00edctor Julio Celis Silva \u00a0 Accionado: COOMEVA EPS \u00a0 Fallo de tutela objeto de revisi\u00f3n: Sentencia del Juzgado Once Civil Municipal de Bogot\u00e1 de \u00a05 de octubre de 2007, confirmada por ...<br \/><div class=\"pt-cv-rmwrap\"><a href=\"https:\/\/www.dmsjuridica.com\/buscador_20179478954\/corteconstitucionalcronologico202454587\/t-492-08\/\" class=\"_self pt-cv-readmore btn btn-success\" target=\"_self\">Ver Sentencia Completa...<\/a><\/div><\/div><\/div><\/div>\n<div class=\"col-md-12 col-sm-12 col-xs-12 pt-cv-content-item pt-cv-1-col\" ><div class='pt-cv-ifield'><a href=\"https:\/\/www.dmsjuridica.com\/buscador_20179478954\/corteconstitucionalcronologico202454587\/t-491-08\/\" class=\"_self pt-cv-href-thumbnail pt-cv-thumb-default\" target=\"_self\" ><\/a>\n<div class=\"pt-cv-taxoterm above_title\"><a href='https:\/\/www.dmsjuridica.com\/buscador_20179478954\/corteconstitucionalcronologico202454587\/category\/buscar-en-toda-la-corte\/2008\/tutelas-2008\/' title='Tutelas 2008' class='pt-cv-tax-tutelas-2008'>Tutelas 2008<\/a><\/div>\n<h4 class=\"pt-cv-title\"><a href=\"https:\/\/www.dmsjuridica.com\/buscador_20179478954\/corteconstitucionalcronologico202454587\/t-491-08\/\" class=\"_self\" target=\"_self\" >T-491-08<\/a><\/h4>\n<div class=\"pt-cv-content\">\u00a0 \u00a0 Sentencia T-491\/08 \u00a0 ACCIDENTE DE TRANSITO-Alcance de la atenci\u00f3n en salud \u00a0 DERECHO A LA SALUD-Casos en que procede pago de transporte para paciente y acompa\u00f1ante \u00a0 ACCIDENTE DE TRANSITO-Deber de la Central de Seguros de cubrir los costos del desplazamiento y de su acompa\u00f1ante \u00a0 Referencia: expediente T-1811140 \u00a0 Acci\u00f3n de tutela instaurada por Lianys Vanessa Alba Arias contra el Central de Seguros (SOAT). \u00a0 Magistrado Ponente: \u00a0 Dr. MANUEL JOS\u00c9 CEPEDA ESPINOSA \u00a0 Bogot\u00e1, D.C., quince (15) de mayo de dos mil ocho (2008) \u00a0 La Sala Segunda de Revisi\u00f3n de la Corte Constitucional, integrada por ...<br \/><div class=\"pt-cv-rmwrap\"><a href=\"https:\/\/www.dmsjuridica.com\/buscador_20179478954\/corteconstitucionalcronologico202454587\/t-491-08\/\" class=\"_self pt-cv-readmore btn btn-success\" target=\"_self\">Ver Sentencia Completa...<\/a><\/div><\/div><\/div><\/div>\n<div class=\"col-md-12 col-sm-12 col-xs-12 pt-cv-content-item pt-cv-1-col\" ><div class='pt-cv-ifield'><a href=\"https:\/\/www.dmsjuridica.com\/buscador_20179478954\/corteconstitucionalcronologico202454587\/t-490-08\/\" class=\"_self pt-cv-href-thumbnail pt-cv-thumb-default\" target=\"_self\" ><\/a>\n<div class=\"pt-cv-taxoterm above_title\"><a href='https:\/\/www.dmsjuridica.com\/buscador_20179478954\/corteconstitucionalcronologico202454587\/category\/buscar-en-toda-la-corte\/2008\/tutelas-2008\/' title='Tutelas 2008' class='pt-cv-tax-tutelas-2008'>Tutelas 2008<\/a><\/div>\n<h4 class=\"pt-cv-title\"><a href=\"https:\/\/www.dmsjuridica.com\/buscador_20179478954\/corteconstitucionalcronologico202454587\/t-490-08\/\" class=\"_self\" target=\"_self\" >T-490-08<\/a><\/h4>\n<div class=\"pt-cv-content\"> ...<br \/><div class=\"pt-cv-rmwrap\"><a href=\"https:\/\/www.dmsjuridica.com\/buscador_20179478954\/corteconstitucionalcronologico202454587\/t-490-08\/\" class=\"_self pt-cv-readmore btn btn-success\" target=\"_self\">Ver Sentencia Completa...<\/a><\/div><\/div><\/div><\/div>\n<div class=\"col-md-12 col-sm-12 col-xs-12 pt-cv-content-item pt-cv-1-col\" ><div class='pt-cv-ifield'><a href=\"https:\/\/www.dmsjuridica.com\/buscador_20179478954\/corteconstitucionalcronologico202454587\/t-489-08\/\" class=\"_self pt-cv-href-thumbnail pt-cv-thumb-default\" target=\"_self\" ><\/a>\n<div class=\"pt-cv-taxoterm above_title\"><a href='https:\/\/www.dmsjuridica.com\/buscador_20179478954\/corteconstitucionalcronologico202454587\/category\/buscar-en-toda-la-corte\/2008\/tutelas-2008\/' title='Tutelas 2008' class='pt-cv-tax-tutelas-2008'>Tutelas 2008<\/a><\/div>\n<h4 class=\"pt-cv-title\"><a href=\"https:\/\/www.dmsjuridica.com\/buscador_20179478954\/corteconstitucionalcronologico202454587\/t-489-08\/\" class=\"_self\" target=\"_self\" >T-489-08<\/a><\/h4>\n<div class=\"pt-cv-content\"> ...<br \/><div class=\"pt-cv-rmwrap\"><a href=\"https:\/\/www.dmsjuridica.com\/buscador_20179478954\/corteconstitucionalcronologico202454587\/t-489-08\/\" class=\"_self pt-cv-readmore btn btn-success\" target=\"_self\">Ver Sentencia Completa...<\/a><\/div><\/div><\/div><\/div>\n<div class=\"col-md-12 col-sm-12 col-xs-12 pt-cv-content-item pt-cv-1-col\" ><div class='pt-cv-ifield'><a href=\"https:\/\/www.dmsjuridica.com\/buscador_20179478954\/corteconstitucionalcronologico202454587\/t-486-08\/\" class=\"_self pt-cv-href-thumbnail pt-cv-thumb-default\" target=\"_self\" ><\/a>\n<div class=\"pt-cv-taxoterm above_title\"><a href='https:\/\/www.dmsjuridica.com\/buscador_20179478954\/corteconstitucionalcronologico202454587\/category\/buscar-en-toda-la-corte\/2008\/tutelas-2008\/' title='Tutelas 2008' class='pt-cv-tax-tutelas-2008'>Tutelas 2008<\/a><\/div>\n<h4 class=\"pt-cv-title\"><a href=\"https:\/\/www.dmsjuridica.com\/buscador_20179478954\/corteconstitucionalcronologico202454587\/t-486-08\/\" class=\"_self\" target=\"_self\" >T-486-08<\/a><\/h4>\n<div class=\"pt-cv-content\"> ...<br \/><div class=\"pt-cv-rmwrap\"><a href=\"https:\/\/www.dmsjuridica.com\/buscador_20179478954\/corteconstitucionalcronologico202454587\/t-486-08\/\" class=\"_self pt-cv-readmore btn btn-success\" target=\"_self\">Ver Sentencia Completa...<\/a><\/div><\/div><\/div><\/div>\n<div class=\"col-md-12 col-sm-12 col-xs-12 pt-cv-content-item pt-cv-1-col\" ><div class='pt-cv-ifield'><a href=\"https:\/\/www.dmsjuridica.com\/buscador_20179478954\/corteconstitucionalcronologico202454587\/t-485-08\/\" class=\"_self pt-cv-href-thumbnail pt-cv-thumb-default\" target=\"_self\" ><\/a>\n<div class=\"pt-cv-taxoterm above_title\"><a href='https:\/\/www.dmsjuridica.com\/buscador_20179478954\/corteconstitucionalcronologico202454587\/category\/buscar-en-toda-la-corte\/2008\/tutelas-2008\/' title='Tutelas 2008' class='pt-cv-tax-tutelas-2008'>Tutelas 2008<\/a><\/div>\n<h4 class=\"pt-cv-title\"><a href=\"https:\/\/www.dmsjuridica.com\/buscador_20179478954\/corteconstitucionalcronologico202454587\/t-485-08\/\" class=\"_self\" target=\"_self\" >T-485-08<\/a><\/h4>\n<div class=\"pt-cv-content\">\u00a0 \u00a0 Sentencia T-485\/08 \u00a0 TERMINACION DEL CONTRATO LABORAL SIN JUSTA CAUSA-Por parte del empleador es leg\u00edtima siempre y cuando se pague indemnizaci\u00f3n \u00a0 ACCION DE TUTELA NO ES MECANISMO IDONEO PARA SOLICITAR EL REINTEGRO LABORAL-Existen excepciones \u00a0 TERMINACION DEL CONTRATO LABORAL SIN JUSTA CAUSA NO FACULTA A EPS PARA SUSPENDER INMEDIATAMENTE PRESTACION DEL SERVICIO DE SALUD\/PRINCIPIO DE CONTINUIDAD EN EL SERVICIO DE SALUD-Caso en que el trabajador a pesar de haber sido desvinculado de la empresa se le hizo la cirug\u00eda previamente programada \u00a0 Se constata que Famisanar EPS cumpli\u00f3, en cuanto le fue autorizada y realizada a Liborio ...<br \/><div class=\"pt-cv-rmwrap\"><a href=\"https:\/\/www.dmsjuridica.com\/buscador_20179478954\/corteconstitucionalcronologico202454587\/t-485-08\/\" class=\"_self pt-cv-readmore btn btn-success\" target=\"_self\">Ver Sentencia Completa...<\/a><\/div><\/div><\/div><\/div>\n<div class=\"col-md-12 col-sm-12 col-xs-12 pt-cv-content-item pt-cv-1-col\" ><div class='pt-cv-ifield'><a href=\"https:\/\/www.dmsjuridica.com\/buscador_20179478954\/corteconstitucionalcronologico202454587\/t-480-08\/\" class=\"_self pt-cv-href-thumbnail pt-cv-thumb-default\" target=\"_self\" ><\/a>\n<div class=\"pt-cv-taxoterm above_title\"><a href='https:\/\/www.dmsjuridica.com\/buscador_20179478954\/corteconstitucionalcronologico202454587\/category\/buscar-en-toda-la-corte\/2008\/tutelas-2008\/' title='Tutelas 2008' class='pt-cv-tax-tutelas-2008'>Tutelas 2008<\/a><\/div>\n<h4 class=\"pt-cv-title\"><a href=\"https:\/\/www.dmsjuridica.com\/buscador_20179478954\/corteconstitucionalcronologico202454587\/t-480-08\/\" class=\"_self\" target=\"_self\" >T-480-08<\/a><\/h4>\n<div class=\"pt-cv-content\"> ...<br \/><div class=\"pt-cv-rmwrap\"><a href=\"https:\/\/www.dmsjuridica.com\/buscador_20179478954\/corteconstitucionalcronologico202454587\/t-480-08\/\" class=\"_self pt-cv-readmore btn btn-success\" target=\"_self\">Ver Sentencia Completa...<\/a><\/div><\/div><\/div><\/div>\n<div class=\"col-md-12 col-sm-12 col-xs-12 pt-cv-content-item pt-cv-1-col\" ><div class='pt-cv-ifield'><a href=\"https:\/\/www.dmsjuridica.com\/buscador_20179478954\/corteconstitucionalcronologico202454587\/t-479-08\/\" class=\"_self pt-cv-href-thumbnail pt-cv-thumb-default\" target=\"_self\" ><\/a>\n<div class=\"pt-cv-taxoterm above_title\"><a href='https:\/\/www.dmsjuridica.com\/buscador_20179478954\/corteconstitucionalcronologico202454587\/category\/buscar-en-toda-la-corte\/2008\/tutelas-2008\/' title='Tutelas 2008' class='pt-cv-tax-tutelas-2008'>Tutelas 2008<\/a><\/div>\n<h4 class=\"pt-cv-title\"><a href=\"https:\/\/www.dmsjuridica.com\/buscador_20179478954\/corteconstitucionalcronologico202454587\/t-479-08\/\" class=\"_self\" target=\"_self\" >T-479-08<\/a><\/h4>\n<div class=\"pt-cv-content\">\u00a0 \u00a0 Sentencia T-479\/08 \u00a0 ACCION DE TUTELA CONTRA PROTECCION S.A.-Solicitud reconocimiento pensi\u00f3n de sobrevivientes de hijo fallecido \u00a0 ACCION DE TUTELA-Mecanismo transitorio para garantizar la protecci\u00f3n efectiva de los derechos fundamentales \u00a0 ACCION DE TUTELA-Improcedencia para obtener el reconocimiento de prestaciones sociales\/ACCION DE TUTELA-Procedencia excepcional para obtener el reconocimiento de la pensi\u00f3n de sobrevivientes\/DERECHO AL MINIMO VITAL-Afectaci\u00f3n de personas que dependen del causante por no tener recursos para satisfacer sus necesidades b\u00e1sicas \u00a0 PENSION DE SOBREVIVIENTES-Derecho fundamental para las personas que depend\u00edan del causante\/PENSION DE SOBREVIVIENTES-Reconocimiento puede afectar derechos fundamentales de sujetos de especial protecci\u00f3n\/ACCION DE TUTELA-Procedencia cuando reconocimiento ...<br \/><div class=\"pt-cv-rmwrap\"><a href=\"https:\/\/www.dmsjuridica.com\/buscador_20179478954\/corteconstitucionalcronologico202454587\/t-479-08\/\" class=\"_self pt-cv-readmore btn btn-success\" target=\"_self\">Ver Sentencia Completa...<\/a><\/div><\/div><\/div><\/div>\n<div class=\"col-md-12 col-sm-12 col-xs-12 pt-cv-content-item pt-cv-1-col\" ><div class='pt-cv-ifield'><a href=\"https:\/\/www.dmsjuridica.com\/buscador_20179478954\/corteconstitucionalcronologico202454587\/t-478-08\/\" class=\"_self pt-cv-href-thumbnail pt-cv-thumb-default\" target=\"_self\" ><\/a>\n<div class=\"pt-cv-taxoterm above_title\"><a href='https:\/\/www.dmsjuridica.com\/buscador_20179478954\/corteconstitucionalcronologico202454587\/category\/buscar-en-toda-la-corte\/2008\/tutelas-2008\/' title='Tutelas 2008' class='pt-cv-tax-tutelas-2008'>Tutelas 2008<\/a><\/div>\n<h4 class=\"pt-cv-title\"><a href=\"https:\/\/www.dmsjuridica.com\/buscador_20179478954\/corteconstitucionalcronologico202454587\/t-478-08\/\" class=\"_self\" target=\"_self\" >T-478-08<\/a><\/h4>\n<div class=\"pt-cv-content\">\u00a0 \u00a0 Sentencia T-478\/08 \u00a0 REPRESENTACION DE LAS PERSONAS QUE PADECEN RETARDO MENTAL\u00a0 \u00a0 La demanda se interpone por el padre de una persona mayor de edad, sin que est\u00e9 acreditado en el expediente que \u00e9l sea su representante legal, por discernimiento judicial de una guarda dentro de un proceso de interdicci\u00f3n judicial. Empero, su hija padece retardo mental severo, circunstancia que est\u00e1 acreditada probatoriamente dentro del expediente, y que hace presumir que est\u00e1 impedida para actuar personalmente en defensa de sus propios derechos, por lo cual su padre interpone la acci\u00f3n como su agente oficioso. Sin embargo, el padre ...<br \/><div class=\"pt-cv-rmwrap\"><a href=\"https:\/\/www.dmsjuridica.com\/buscador_20179478954\/corteconstitucionalcronologico202454587\/t-478-08\/\" class=\"_self pt-cv-readmore btn btn-success\" target=\"_self\">Ver Sentencia Completa...<\/a><\/div><\/div><\/div><\/div>\n<div class=\"col-md-12 col-sm-12 col-xs-12 pt-cv-content-item pt-cv-1-col\" ><div class='pt-cv-ifield'><a href=\"https:\/\/www.dmsjuridica.com\/buscador_20179478954\/corteconstitucionalcronologico202454587\/t-477-08\/\" class=\"_self pt-cv-href-thumbnail pt-cv-thumb-default\" target=\"_self\" ><\/a>\n<div class=\"pt-cv-taxoterm above_title\"><a href='https:\/\/www.dmsjuridica.com\/buscador_20179478954\/corteconstitucionalcronologico202454587\/category\/buscar-en-toda-la-corte\/2008\/tutelas-2008\/' title='Tutelas 2008' class='pt-cv-tax-tutelas-2008'>Tutelas 2008<\/a><\/div>\n<h4 class=\"pt-cv-title\"><a href=\"https:\/\/www.dmsjuridica.com\/buscador_20179478954\/corteconstitucionalcronologico202454587\/t-477-08\/\" class=\"_self\" target=\"_self\" >T-477-08<\/a><\/h4>\n<div class=\"pt-cv-content\"> ...<br \/><div class=\"pt-cv-rmwrap\"><a href=\"https:\/\/www.dmsjuridica.com\/buscador_20179478954\/corteconstitucionalcronologico202454587\/t-477-08\/\" class=\"_self pt-cv-readmore btn btn-success\" target=\"_self\">Ver Sentencia Completa...<\/a><\/div><\/div><\/div><\/div>\n<div class=\"col-md-12 col-sm-12 col-xs-12 pt-cv-content-item pt-cv-1-col\" ><div class='pt-cv-ifield'><a href=\"https:\/\/www.dmsjuridica.com\/buscador_20179478954\/corteconstitucionalcronologico202454587\/t-476-08\/\" class=\"_self pt-cv-href-thumbnail pt-cv-thumb-default\" target=\"_self\" ><\/a>\n<div class=\"pt-cv-taxoterm above_title\"><a href='https:\/\/www.dmsjuridica.com\/buscador_20179478954\/corteconstitucionalcronologico202454587\/category\/buscar-en-toda-la-corte\/2008\/tutelas-2008\/' title='Tutelas 2008' class='pt-cv-tax-tutelas-2008'>Tutelas 2008<\/a><\/div>\n<h4 class=\"pt-cv-title\"><a href=\"https:\/\/www.dmsjuridica.com\/buscador_20179478954\/corteconstitucionalcronologico202454587\/t-476-08\/\" class=\"_self\" target=\"_self\" >T-476-08<\/a><\/h4>\n<div class=\"pt-cv-content\"> ...<br \/><div class=\"pt-cv-rmwrap\"><a href=\"https:\/\/www.dmsjuridica.com\/buscador_20179478954\/corteconstitucionalcronologico202454587\/t-476-08\/\" class=\"_self pt-cv-readmore btn btn-success\" target=\"_self\">Ver Sentencia Completa...<\/a><\/div><\/div><\/div><\/div>\n<div class=\"col-md-12 col-sm-12 col-xs-12 pt-cv-content-item pt-cv-1-col\" ><div class='pt-cv-ifield'><a href=\"https:\/\/www.dmsjuridica.com\/buscador_20179478954\/corteconstitucionalcronologico202454587\/t-475-08\/\" class=\"_self pt-cv-href-thumbnail pt-cv-thumb-default\" target=\"_self\" ><\/a>\n<div class=\"pt-cv-taxoterm above_title\"><a href='https:\/\/www.dmsjuridica.com\/buscador_20179478954\/corteconstitucionalcronologico202454587\/category\/buscar-en-toda-la-corte\/2008\/tutelas-2008\/' title='Tutelas 2008' class='pt-cv-tax-tutelas-2008'>Tutelas 2008<\/a><\/div>\n<h4 class=\"pt-cv-title\"><a href=\"https:\/\/www.dmsjuridica.com\/buscador_20179478954\/corteconstitucionalcronologico202454587\/t-475-08\/\" class=\"_self\" target=\"_self\" >T-475-08<\/a><\/h4>\n<div class=\"pt-cv-content\"> ...<br \/><div class=\"pt-cv-rmwrap\"><a href=\"https:\/\/www.dmsjuridica.com\/buscador_20179478954\/corteconstitucionalcronologico202454587\/t-475-08\/\" class=\"_self pt-cv-readmore btn btn-success\" target=\"_self\">Ver Sentencia Completa...<\/a><\/div><\/div><\/div><\/div>\n<div class=\"col-md-12 col-sm-12 col-xs-12 pt-cv-content-item pt-cv-1-col\" ><div class='pt-cv-ifield'><a href=\"https:\/\/www.dmsjuridica.com\/buscador_20179478954\/corteconstitucionalcronologico202454587\/t-474-08\/\" class=\"_self pt-cv-href-thumbnail pt-cv-thumb-default\" target=\"_self\" ><\/a>\n<div class=\"pt-cv-taxoterm above_title\"><a href='https:\/\/www.dmsjuridica.com\/buscador_20179478954\/corteconstitucionalcronologico202454587\/category\/buscar-en-toda-la-corte\/2008\/tutelas-2008\/' title='Tutelas 2008' class='pt-cv-tax-tutelas-2008'>Tutelas 2008<\/a><\/div>\n<h4 class=\"pt-cv-title\"><a href=\"https:\/\/www.dmsjuridica.com\/buscador_20179478954\/corteconstitucionalcronologico202454587\/t-474-08\/\" class=\"_self\" target=\"_self\" >T-474-08<\/a><\/h4>\n<div class=\"pt-cv-content\"> ...<br \/><div class=\"pt-cv-rmwrap\"><a href=\"https:\/\/www.dmsjuridica.com\/buscador_20179478954\/corteconstitucionalcronologico202454587\/t-474-08\/\" class=\"_self pt-cv-readmore btn btn-success\" target=\"_self\">Ver Sentencia Completa...<\/a><\/div><\/div><\/div><\/div>\n<div class=\"col-md-12 col-sm-12 col-xs-12 pt-cv-content-item pt-cv-1-col\" ><div class='pt-cv-ifield'><a href=\"https:\/\/www.dmsjuridica.com\/buscador_20179478954\/corteconstitucionalcronologico202454587\/t-473-08\/\" class=\"_self pt-cv-href-thumbnail pt-cv-thumb-default\" target=\"_self\" ><\/a>\n<div class=\"pt-cv-taxoterm above_title\"><a href='https:\/\/www.dmsjuridica.com\/buscador_20179478954\/corteconstitucionalcronologico202454587\/category\/buscar-en-toda-la-corte\/2008\/tutelas-2008\/' title='Tutelas 2008' class='pt-cv-tax-tutelas-2008'>Tutelas 2008<\/a><\/div>\n<h4 class=\"pt-cv-title\"><a href=\"https:\/\/www.dmsjuridica.com\/buscador_20179478954\/corteconstitucionalcronologico202454587\/t-473-08\/\" class=\"_self\" target=\"_self\" >T-473-08<\/a><\/h4>\n<div class=\"pt-cv-content\"> ...<br \/><div class=\"pt-cv-rmwrap\"><a href=\"https:\/\/www.dmsjuridica.com\/buscador_20179478954\/corteconstitucionalcronologico202454587\/t-473-08\/\" class=\"_self pt-cv-readmore btn btn-success\" target=\"_self\">Ver Sentencia Completa...<\/a><\/div><\/div><\/div><\/div>\n<div class=\"col-md-12 col-sm-12 col-xs-12 pt-cv-content-item pt-cv-1-col\" ><div class='pt-cv-ifield'><a href=\"https:\/\/www.dmsjuridica.com\/buscador_20179478954\/corteconstitucionalcronologico202454587\/t-472-08\/\" class=\"_self pt-cv-href-thumbnail pt-cv-thumb-default\" target=\"_self\" ><\/a>\n<div class=\"pt-cv-taxoterm above_title\"><a href='https:\/\/www.dmsjuridica.com\/buscador_20179478954\/corteconstitucionalcronologico202454587\/category\/buscar-en-toda-la-corte\/2008\/tutelas-2008\/' title='Tutelas 2008' class='pt-cv-tax-tutelas-2008'>Tutelas 2008<\/a><\/div>\n<h4 class=\"pt-cv-title\"><a href=\"https:\/\/www.dmsjuridica.com\/buscador_20179478954\/corteconstitucionalcronologico202454587\/t-472-08\/\" class=\"_self\" target=\"_self\" >T-472-08<\/a><\/h4>\n<div class=\"pt-cv-content\">\u00a0 \u00a0 Sentencia T-472\/08 \u00a0 ACCION DE TUTELA-Subsidiariedad \u00a0 MEDIO DE DEFENSA JUDICIAL-Eficacia \u00a0 ACCION DE TUTELA CONTRA ACTUACIONES ADMINISTRATIVAS-Improcedencia como mecanismo principal \u00a0 PERJUICIO IRREMEDIABLE-Elementos para que se configure \u00a0 PERJUICIO IRREMEDIABLE FRENTE A SUJETOS DE ESPECIAL PROTECCION-Concepci\u00f3n dual \u00a0 PERSONA DE LA TERCERA EDAD-Su sola condici\u00f3n no es raz\u00f3n suficiente para que proceda la tutela\/ACCION DE TUTELA-Persona de la tercera edad debe demostrar perjuicio irremediable \u00a0 ACCION DE TUTELA CONTRA ACTO ADMINISTRATIVO-Improcedencia por no demostrarse perjuicio irremediable \u00a0 Referencia: expediente T-1700284 \u00a0 Acci\u00f3n de tutela instaurada por Jos\u00e9 Ignacio Casta\u00f1eda Neira contra el Fondo de Previsi\u00f3n Social del ...<br \/><div class=\"pt-cv-rmwrap\"><a href=\"https:\/\/www.dmsjuridica.com\/buscador_20179478954\/corteconstitucionalcronologico202454587\/t-472-08\/\" class=\"_self pt-cv-readmore btn btn-success\" target=\"_self\">Ver Sentencia Completa...<\/a><\/div><\/div><\/div><\/div>\n<div class=\"col-md-12 col-sm-12 col-xs-12 pt-cv-content-item pt-cv-1-col\" ><div class='pt-cv-ifield'><a href=\"https:\/\/www.dmsjuridica.com\/buscador_20179478954\/corteconstitucionalcronologico202454587\/t-471-08\/\" class=\"_self pt-cv-href-thumbnail pt-cv-thumb-default\" target=\"_self\" ><\/a>\n<div class=\"pt-cv-taxoterm above_title\"><a href='https:\/\/www.dmsjuridica.com\/buscador_20179478954\/corteconstitucionalcronologico202454587\/category\/buscar-en-toda-la-corte\/2008\/tutelas-2008\/' title='Tutelas 2008' class='pt-cv-tax-tutelas-2008'>Tutelas 2008<\/a><\/div>\n<h4 class=\"pt-cv-title\"><a href=\"https:\/\/www.dmsjuridica.com\/buscador_20179478954\/corteconstitucionalcronologico202454587\/t-471-08\/\" class=\"_self\" target=\"_self\" >T-471-08<\/a><\/h4>\n<div class=\"pt-cv-content\">\u00a0 \u00a0 Sentencia T-471\/08 \u00a0 ESTATUTO DE PUERTOS MARITIMOS-Facultades de las Sociedades portuarias \u00a0 COOPERATIVAS DE TRABAJO ASOCIADO-Prohibiciones contempladas en el Decreto 4588 de 2006 \u00a0 COOPERATIVAS DE TRABAJO ASOCIADO-R\u00e9gimen de seguridad social \u00a0 COOPERATIVAS DE TRABAJO ASOCIADO Y EMPRESAS QUE SUMINISTRAN MANO DE OBRA TEMPORAL-Deber a afiliar a sus trabajadores al Sistema de Seguridad Social integral \u00a0 SUPERINTENDENTE GENERAL DE PUERTOS-Vulneraci\u00f3n de los derechos m\u00ednimos laborales e irrenunciables de los trabajadores y las previsiones en materia de seguridad social \u00a0 COOPERATIVAS DE TRABAJO ASOCIADO-Naturaleza jur\u00eddica, definici\u00f3n y caracter\u00edsticas \u00a0 CONTRATISTA INDEPENDIENTE-Definici\u00f3n \u00a0 SOLIDARIDAD ENTRE EL CONTRATISTA INDEPENDIENTE Y EL ...<br \/><div class=\"pt-cv-rmwrap\"><a href=\"https:\/\/www.dmsjuridica.com\/buscador_20179478954\/corteconstitucionalcronologico202454587\/t-471-08\/\" class=\"_self pt-cv-readmore btn btn-success\" target=\"_self\">Ver Sentencia Completa...<\/a><\/div><\/div><\/div><\/div>\n<div class=\"col-md-12 col-sm-12 col-xs-12 pt-cv-content-item pt-cv-1-col\" ><div class='pt-cv-ifield'><a href=\"https:\/\/www.dmsjuridica.com\/buscador_20179478954\/corteconstitucionalcronologico202454587\/t-470-08\/\" class=\"_self pt-cv-href-thumbnail pt-cv-thumb-default\" target=\"_self\" ><\/a>\n<div class=\"pt-cv-taxoterm above_title\"><a href='https:\/\/www.dmsjuridica.com\/buscador_20179478954\/corteconstitucionalcronologico202454587\/category\/buscar-en-toda-la-corte\/2008\/tutelas-2008\/' title='Tutelas 2008' class='pt-cv-tax-tutelas-2008'>Tutelas 2008<\/a><\/div>\n<h4 class=\"pt-cv-title\"><a href=\"https:\/\/www.dmsjuridica.com\/buscador_20179478954\/corteconstitucionalcronologico202454587\/t-470-08\/\" class=\"_self\" target=\"_self\" >T-470-08<\/a><\/h4>\n<div class=\"pt-cv-content\">\u00a0 \u00a0 Sentencia T-470\/08\u00a0 \u00a0 ACCION DE TUTELA-Conflictos entre entidades administradoras de pensiones no pueden afectar a los usuarios \u00a0 FUNDACION SAN JUAN DE DIOS-Responsabilidades por concepto del pasivo pensional, salarios y en general por las prestaciones sociales e indemnizaciones de los trabajadores de la entidad y del Instituto Materno Infantil \u00a0 MINISTERIO DE HACIENDA Y CREDITO PUBLICO-Inclusi\u00f3n en n\u00f3mina y pago de mesadas pensionales Fundaci\u00f3n San Juan de Dios \u00a0 \u00a0 Referencia: expediente T.1.800.761 \u00a0 Acci\u00f3n de tutela instaurada por Clemencia Ofelia Rodr\u00edguez Garc\u00eda contra el Ministerio de Hacienda y Cr\u00e9dito P\u00fablico y otros\u00a0 \u00a0 Magistrado Ponente:\u00a0 \u00a0 Dr ...<br \/><div class=\"pt-cv-rmwrap\"><a href=\"https:\/\/www.dmsjuridica.com\/buscador_20179478954\/corteconstitucionalcronologico202454587\/t-470-08\/\" class=\"_self pt-cv-readmore btn btn-success\" target=\"_self\">Ver Sentencia Completa...<\/a><\/div><\/div><\/div><\/div>\n<div class=\"col-md-12 col-sm-12 col-xs-12 pt-cv-content-item pt-cv-1-col\" ><div class='pt-cv-ifield'><a href=\"https:\/\/www.dmsjuridica.com\/buscador_20179478954\/corteconstitucionalcronologico202454587\/t-458-08\/\" class=\"_self pt-cv-href-thumbnail pt-cv-thumb-default\" target=\"_self\" ><\/a>\n<div class=\"pt-cv-taxoterm above_title\"><a href='https:\/\/www.dmsjuridica.com\/buscador_20179478954\/corteconstitucionalcronologico202454587\/category\/buscar-en-toda-la-corte\/2008\/tutelas-2008\/' title='Tutelas 2008' class='pt-cv-tax-tutelas-2008'>Tutelas 2008<\/a><\/div>\n<h4 class=\"pt-cv-title\"><a href=\"https:\/\/www.dmsjuridica.com\/buscador_20179478954\/corteconstitucionalcronologico202454587\/t-458-08\/\" class=\"_self\" target=\"_self\" >T-458-08<\/a><\/h4>\n<div class=\"pt-cv-content\">\u00a0 \u00a0 Sentencia T-458\/08 \u00a0 DESPLAZAMIENTO FORZADO-Vulneraci\u00f3n m\u00faltiple, masiva y continua de derechos fundamentales\u00a0 \u00a0 DESPLAZADOS INTERNOS-Condici\u00f3n se adquiere de facto \u00a0 DESPLAZAMIENTO FORZADO POR LA VIOLENCIA-Condiciones para ser considerado como una persona en esa situaci\u00f3n \u00a0 DESPLAZAMIENTO FORZADO-Principios que deben guiar la interpretaci\u00f3n y aplicaci\u00f3n de las normas\/DESPLAZAMIENTO FORZADO-Registro de las personas afectadas \u00a0 REGISTRO UNICO DE POBLACION DESPLAZADA-Reglas espec\u00edficas que deben guiar este proceso \u00a0 PRESUNCION DE LA BUENA FE-Desplazados internos \u00a0 RED DE SOLIDARIDAD SOCIAL Y REGISTRO UNICO DE POBLACION DESPLAZADA-No puede negar inscripci\u00f3n por el s\u00f3lo hecho de encontrar contradicciones en declaraciones \u00a0 REGISTRO UNICO DE ...<br \/><div class=\"pt-cv-rmwrap\"><a href=\"https:\/\/www.dmsjuridica.com\/buscador_20179478954\/corteconstitucionalcronologico202454587\/t-458-08\/\" class=\"_self pt-cv-readmore btn btn-success\" target=\"_self\">Ver Sentencia Completa...<\/a><\/div><\/div><\/div><\/div>\n<div class=\"col-md-12 col-sm-12 col-xs-12 pt-cv-content-item pt-cv-1-col\" ><div class='pt-cv-ifield'><a href=\"https:\/\/www.dmsjuridica.com\/buscador_20179478954\/corteconstitucionalcronologico202454587\/t-457-08\/\" class=\"_self pt-cv-href-thumbnail pt-cv-thumb-default\" target=\"_self\" ><\/a>\n<div class=\"pt-cv-taxoterm above_title\"><a href='https:\/\/www.dmsjuridica.com\/buscador_20179478954\/corteconstitucionalcronologico202454587\/category\/buscar-en-toda-la-corte\/2008\/tutelas-2008\/' title='Tutelas 2008' class='pt-cv-tax-tutelas-2008'>Tutelas 2008<\/a><\/div>\n<h4 class=\"pt-cv-title\"><a href=\"https:\/\/www.dmsjuridica.com\/buscador_20179478954\/corteconstitucionalcronologico202454587\/t-457-08\/\" class=\"_self\" target=\"_self\" >T-457-08<\/a><\/h4>\n<div class=\"pt-cv-content\">\u00a0 \u00a0 Sentencia T-457\/08 \u00a0 ACCION DE TUTELA CONTRA PROVIDENCIAS JUDICIALES-Evoluci\u00f3n jurisprudencial\/ACCION DE TUTELA CONTRA PROVIDENCIAS JUDICIALES-Requisitos generales de procedibilidad\/ACCION DE TUTELA CONTRA PROVIDENCIAS JUDICIALES-Requisitos especiales de procedibilidad \u00a0 ACCION DE TUTELA CONTRA PROVIDENCIAS JUDICIALES-Clases de defectos \u00a0 ACCION DE TUTELA CONTRA PROVIDENCIAS JUDICIALES-Requisitos \u00a0 ACCION DE TUTELA CONTRA PROVIDENCIAS JUDICIALES-Requisitos generales de procedibilidad \u00a0 PRECEDENTE JUDICIAL-Presupuestos para la correcta utilizaci\u00f3n \u00a0 ACCION DE TUTELA CONTRA PROVIDENCIAS JUDICIALES-Improcedencia por inexistencia de defecto sustantivo por no haber fundado la sentencia de casaci\u00f3n en disposiciones legales inexistentes o contrarias a la Constituci\u00f3n y tampoco se presenta una evidente contradicci\u00f3n entre \u00a0los fundamentos ...<br \/><div class=\"pt-cv-rmwrap\"><a href=\"https:\/\/www.dmsjuridica.com\/buscador_20179478954\/corteconstitucionalcronologico202454587\/t-457-08\/\" class=\"_self pt-cv-readmore btn btn-success\" target=\"_self\">Ver Sentencia Completa...<\/a><\/div><\/div><\/div><\/div>\n<div class=\"col-md-12 col-sm-12 col-xs-12 pt-cv-content-item pt-cv-1-col\" ><div class='pt-cv-ifield'><a href=\"https:\/\/www.dmsjuridica.com\/buscador_20179478954\/corteconstitucionalcronologico202454587\/t-456-08\/\" class=\"_self pt-cv-href-thumbnail pt-cv-thumb-default\" target=\"_self\" ><\/a>\n<div class=\"pt-cv-taxoterm above_title\"><a href='https:\/\/www.dmsjuridica.com\/buscador_20179478954\/corteconstitucionalcronologico202454587\/category\/buscar-en-toda-la-corte\/2008\/tutelas-2008\/' title='Tutelas 2008' class='pt-cv-tax-tutelas-2008'>Tutelas 2008<\/a><\/div>\n<h4 class=\"pt-cv-title\"><a href=\"https:\/\/www.dmsjuridica.com\/buscador_20179478954\/corteconstitucionalcronologico202454587\/t-456-08\/\" class=\"_self\" target=\"_self\" >T-456-08<\/a><\/h4>\n<div class=\"pt-cv-content\">\u00a0 \u00a0 Sentencia T-456\/08 \u00a0 DERECHO DE PETICION-Alcance y contenido \u00a0 DERECHO DE PETICION-Reglas jurisprudenciales \u00a0 DERECHO DE PETICION ANTE MINISTERIO DE DEFENSA-Cobija una repuesta de fondo pero no una resoluci\u00f3n favorable de lo pedido \u00a0 Referencia: expediente T-1.783.328 \u00a0 Acci\u00f3n de tutela instaurada por Jos\u00e9 Agust\u00edn Suarez Alba contra la Naci\u00f3n- Ministerio de Defensa \u2013 Ej\u00e9rcito Nacional. \u00a0 Magistrado Ponente \u00a0 Dr. HUMBERTO ANTONIO SIERRA PORTO \u00a0 Bogot\u00e1 D.C. trece (13) de mayo de dos mil ocho (2008). \u00a0 La Sala Octava de Revisi\u00f3n de la Corte Constitucional integrada por los Magistrados Clara In\u00e9s Vargas Hern\u00e1ndez, Jaime Araujo Renter\u00eda ...<br \/><div class=\"pt-cv-rmwrap\"><a href=\"https:\/\/www.dmsjuridica.com\/buscador_20179478954\/corteconstitucionalcronologico202454587\/t-456-08\/\" class=\"_self pt-cv-readmore btn btn-success\" target=\"_self\">Ver Sentencia Completa...<\/a><\/div><\/div><\/div><\/div>\n<div class=\"col-md-12 col-sm-12 col-xs-12 pt-cv-content-item pt-cv-1-col\" ><div class='pt-cv-ifield'><a href=\"https:\/\/www.dmsjuridica.com\/buscador_20179478954\/corteconstitucionalcronologico202454587\/t-455-08\/\" class=\"_self pt-cv-href-thumbnail pt-cv-thumb-default\" target=\"_self\" ><\/a>\n<div class=\"pt-cv-taxoterm above_title\"><a href='https:\/\/www.dmsjuridica.com\/buscador_20179478954\/corteconstitucionalcronologico202454587\/category\/buscar-en-toda-la-corte\/2008\/tutelas-2008\/' title='Tutelas 2008' class='pt-cv-tax-tutelas-2008'>Tutelas 2008<\/a><\/div>\n<h4 class=\"pt-cv-title\"><a href=\"https:\/\/www.dmsjuridica.com\/buscador_20179478954\/corteconstitucionalcronologico202454587\/t-455-08\/\" class=\"_self\" target=\"_self\" >T-455-08<\/a><\/h4>\n<div class=\"pt-cv-content\">\u00a0 \u00a0 Sentencia T-455\/08 \u00a0 DERECHO A LA SALUD DE BEBE-Hecho superado por suministro de vacuna a beb\u00e9 reci\u00e9n nacido por cuanto su madre contrajo varicela durante el embarazo\/DERECHO FUNDAMENTAL A LA SALUD DEL NI\u00d1O-Suministro de vacuna a beb\u00e9 reci\u00e9n nacido\/PLAN OBLIGATORIO DE SALUD-Inaplicaci\u00f3n de normas legales y reglamentarias que prev\u00e9n exclusi\u00f3n de prestaciones m\u00e9dicas \u00a0 Referencia: expediente T-1839131 \u00a0 Acci\u00f3n de tutela instaurada por Deysi Nataly Salinas Soto en representaci\u00f3n del menor Juan Jos\u00e9 Carvajal Salinas contra Susalud EPS. \u00a0 Dr. JAIME ARA\u00daJO RENTER\u00cdA \u00a0 Bogot\u00e1, D.C., trece (13) de mayo de dos mil ocho (2008). \u00a0 La Sala ...<br \/><div class=\"pt-cv-rmwrap\"><a href=\"https:\/\/www.dmsjuridica.com\/buscador_20179478954\/corteconstitucionalcronologico202454587\/t-455-08\/\" class=\"_self pt-cv-readmore btn btn-success\" target=\"_self\">Ver Sentencia Completa...<\/a><\/div><\/div><\/div><\/div>\n<div class=\"col-md-12 col-sm-12 col-xs-12 pt-cv-content-item pt-cv-1-col\" ><div class='pt-cv-ifield'><a href=\"https:\/\/www.dmsjuridica.com\/buscador_20179478954\/corteconstitucionalcronologico202454587\/t-454-08\/\" class=\"_self pt-cv-href-thumbnail pt-cv-thumb-default\" target=\"_self\" ><\/a>\n<div class=\"pt-cv-taxoterm above_title\"><a href='https:\/\/www.dmsjuridica.com\/buscador_20179478954\/corteconstitucionalcronologico202454587\/category\/buscar-en-toda-la-corte\/2008\/tutelas-2008\/' title='Tutelas 2008' class='pt-cv-tax-tutelas-2008'>Tutelas 2008<\/a><\/div>\n<h4 class=\"pt-cv-title\"><a href=\"https:\/\/www.dmsjuridica.com\/buscador_20179478954\/corteconstitucionalcronologico202454587\/t-454-08\/\" class=\"_self\" target=\"_self\" >T-454-08<\/a><\/h4>\n<div class=\"pt-cv-content\"> ...<br \/><div class=\"pt-cv-rmwrap\"><a href=\"https:\/\/www.dmsjuridica.com\/buscador_20179478954\/corteconstitucionalcronologico202454587\/t-454-08\/\" class=\"_self pt-cv-readmore btn btn-success\" target=\"_self\">Ver Sentencia Completa...<\/a><\/div><\/div><\/div><\/div>\n<div class=\"col-md-12 col-sm-12 col-xs-12 pt-cv-content-item pt-cv-1-col\" ><div class='pt-cv-ifield'><a href=\"https:\/\/www.dmsjuridica.com\/buscador_20179478954\/corteconstitucionalcronologico202454587\/t-453-08\/\" class=\"_self pt-cv-href-thumbnail pt-cv-thumb-default\" target=\"_self\" ><\/a>\n<div class=\"pt-cv-taxoterm above_title\"><a href='https:\/\/www.dmsjuridica.com\/buscador_20179478954\/corteconstitucionalcronologico202454587\/category\/buscar-en-toda-la-corte\/2008\/tutelas-2008\/' title='Tutelas 2008' class='pt-cv-tax-tutelas-2008'>Tutelas 2008<\/a><\/div>\n<h4 class=\"pt-cv-title\"><a href=\"https:\/\/www.dmsjuridica.com\/buscador_20179478954\/corteconstitucionalcronologico202454587\/t-453-08\/\" class=\"_self\" target=\"_self\" >T-453-08<\/a><\/h4>\n<div class=\"pt-cv-content\">\u00a0 \u00a0 Sentencia T-453\/08 \u00a0 ACCION DE TUTELA TEMERARIA-Concepto constitucional y desarrollo jurisprudencial \u00a0 ACCION DE TUTELA CONTRA TELECOM EN LIQUIDACION-Temeridad \u00a0 Referencia: expedientes acumulados T- 1822650, T-1816471, T-1826434 y T-1816363. \u00a0 Acci\u00f3n de tutela instaurada por Dilia Elena Ortiz Mej\u00eda, N\u00e9stor Julio Varela Jim\u00e9nez, Gustavo Candelario Escorcia Escorcia, Fulton Juan Jos\u00e9 Gonz\u00e1lez Urrutia, Franklin Cen\u00f3n Rodr\u00edguez Rodr\u00edguez, Narciso Blanco Pertuz, Jairo Alberto Quintero Bola\u00f1os, Efra\u00edn Ballesteros Garc\u00e9s, Guillermo Jos\u00e9 Coneo \u00c1lvarez, Hern\u00e1n Guti\u00e9rrez D\u00edaz y Cecilio Vente Saavedra contra el Consorcio de Remanentes de Telecom, conformado por la Fiduciaria La Previsora S.A., Fiduagraria S.A. y Fiduciaria Popular S.A. \u00a0 ...<br \/><div class=\"pt-cv-rmwrap\"><a href=\"https:\/\/www.dmsjuridica.com\/buscador_20179478954\/corteconstitucionalcronologico202454587\/t-453-08\/\" class=\"_self pt-cv-readmore btn btn-success\" target=\"_self\">Ver Sentencia Completa...<\/a><\/div><\/div><\/div><\/div>\n<div class=\"col-md-12 col-sm-12 col-xs-12 pt-cv-content-item pt-cv-1-col\" ><div class='pt-cv-ifield'><a href=\"https:\/\/www.dmsjuridica.com\/buscador_20179478954\/corteconstitucionalcronologico202454587\/t-452-08\/\" class=\"_self pt-cv-href-thumbnail pt-cv-thumb-default\" target=\"_self\" ><\/a>\n<div class=\"pt-cv-taxoterm above_title\"><a href='https:\/\/www.dmsjuridica.com\/buscador_20179478954\/corteconstitucionalcronologico202454587\/category\/buscar-en-toda-la-corte\/2008\/tutelas-2008\/' title='Tutelas 2008' class='pt-cv-tax-tutelas-2008'>Tutelas 2008<\/a><\/div>\n<h4 class=\"pt-cv-title\"><a href=\"https:\/\/www.dmsjuridica.com\/buscador_20179478954\/corteconstitucionalcronologico202454587\/t-452-08\/\" class=\"_self\" target=\"_self\" >T-452-08<\/a><\/h4>\n<div class=\"pt-cv-content\">\u00a0 \u00a0 Sentencia T-452\/08 \u00a0 DERECHO A LA SALUD-Atenci\u00f3n integral a persona que padece hemofilia identificada como enfermedad ruinosa o catastr\u00f3fica \u00a0 PLAN OBLIGATORIO DE SALUD-Se encuentran incluidos los medicamentos para tratar la enfermedad de hemofilia \u00a0 DERECHO A LA SALUD-Vulneraci\u00f3n por omisi\u00f3n en el suministro de medicamentos para enfermedad ruinosa o catastr\u00f3fica de hemofilia \u00a0 Referencia: expediente T-1796805 \u00a0 Acci\u00f3n de tutela instaurada por Nelys Sof\u00eda Mej\u00eda Guillen en representaci\u00f3n de su t\u00edo Rafael Antonio Guill\u00e9n de la Cruz contra la Secretar\u00eda de Salud Departamental del Atl\u00e1ntico y otros.\u00a0 \u00a0 Magistrado Ponente: \u00a0 Bogot\u00e1, D.C., nueve (9) de mayo ...<br \/><div class=\"pt-cv-rmwrap\"><a href=\"https:\/\/www.dmsjuridica.com\/buscador_20179478954\/corteconstitucionalcronologico202454587\/t-452-08\/\" class=\"_self pt-cv-readmore btn btn-success\" target=\"_self\">Ver Sentencia Completa...<\/a><\/div><\/div><\/div><\/div>\n<div class=\"col-md-12 col-sm-12 col-xs-12 pt-cv-content-item pt-cv-1-col\" ><div class='pt-cv-ifield'><a href=\"https:\/\/www.dmsjuridica.com\/buscador_20179478954\/corteconstitucionalcronologico202454587\/t-451-08\/\" class=\"_self pt-cv-href-thumbnail pt-cv-thumb-default\" target=\"_self\" ><\/a>\n<div class=\"pt-cv-taxoterm above_title\"><a href='https:\/\/www.dmsjuridica.com\/buscador_20179478954\/corteconstitucionalcronologico202454587\/category\/buscar-en-toda-la-corte\/2008\/tutelas-2008\/' title='Tutelas 2008' class='pt-cv-tax-tutelas-2008'>Tutelas 2008<\/a><\/div>\n<h4 class=\"pt-cv-title\"><a href=\"https:\/\/www.dmsjuridica.com\/buscador_20179478954\/corteconstitucionalcronologico202454587\/t-451-08\/\" class=\"_self\" target=\"_self\" >T-451-08<\/a><\/h4>\n<div class=\"pt-cv-content\"> ...<br \/><div class=\"pt-cv-rmwrap\"><a href=\"https:\/\/www.dmsjuridica.com\/buscador_20179478954\/corteconstitucionalcronologico202454587\/t-451-08\/\" class=\"_self pt-cv-readmore btn btn-success\" target=\"_self\">Ver Sentencia Completa...<\/a><\/div><\/div><\/div><\/div>\n<div class=\"col-md-12 col-sm-12 col-xs-12 pt-cv-content-item pt-cv-1-col\" ><div class='pt-cv-ifield'><a href=\"https:\/\/www.dmsjuridica.com\/buscador_20179478954\/corteconstitucionalcronologico202454587\/t-450-08\/\" class=\"_self pt-cv-href-thumbnail pt-cv-thumb-default\" target=\"_self\" ><\/a>\n<div class=\"pt-cv-taxoterm above_title\"><a href='https:\/\/www.dmsjuridica.com\/buscador_20179478954\/corteconstitucionalcronologico202454587\/category\/buscar-en-toda-la-corte\/2008\/tutelas-2008\/' title='Tutelas 2008' class='pt-cv-tax-tutelas-2008'>Tutelas 2008<\/a><\/div>\n<h4 class=\"pt-cv-title\"><a href=\"https:\/\/www.dmsjuridica.com\/buscador_20179478954\/corteconstitucionalcronologico202454587\/t-450-08\/\" class=\"_self\" target=\"_self\" >T-450-08<\/a><\/h4>\n<div class=\"pt-cv-content\">\u00a0 \u00a0 Sentencia T-450\/08 \u00a0 ACCION DE TUTELA-Procedencia excepcional pago de salarios \u00a0 DERECHO AL MINIMO VITAL DEL TRABAJADOR-Presunci\u00f3n de afectaci\u00f3n\u00a0 \u00a0 DERECHO AL MINIMO VITAL-Pago de salarios y prestaciones laborales adeudadas \u00a0 Referencia: expediente T-1769661 \u00a0 Acci\u00f3n de tutela interpuesta por Josefa Antonia Acosta Cavadia contra el Municipio y el Concejo Municipal de San Pelayo. \u00a0 Magistrado Ponente\u00a0 \u00a0 Dr. MANUEL JOS\u00c9 CEPEDA ESPINOSA \u00a0 Bogot\u00e1, D.C., nueve (9) de mayo de dos mil ocho (2008). \u00a0 La Sala Segunda de Revisi\u00f3n de la Corte Constitucional, integrada por los Magistrados Manuel Jos\u00e9 Cepeda Espinosa, Jaime C\u00f3rdoba Trivi\u00f1o y Rodrigo ...<br \/><div class=\"pt-cv-rmwrap\"><a href=\"https:\/\/www.dmsjuridica.com\/buscador_20179478954\/corteconstitucionalcronologico202454587\/t-450-08\/\" class=\"_self pt-cv-readmore btn btn-success\" target=\"_self\">Ver Sentencia Completa...<\/a><\/div><\/div><\/div><\/div>\n<div class=\"col-md-12 col-sm-12 col-xs-12 pt-cv-content-item pt-cv-1-col\" ><div class='pt-cv-ifield'><a href=\"https:\/\/www.dmsjuridica.com\/buscador_20179478954\/corteconstitucionalcronologico202454587\/t-449-08\/\" class=\"_self pt-cv-href-thumbnail pt-cv-thumb-default\" target=\"_self\" ><\/a>\n<div class=\"pt-cv-taxoterm above_title\"><a href='https:\/\/www.dmsjuridica.com\/buscador_20179478954\/corteconstitucionalcronologico202454587\/category\/buscar-en-toda-la-corte\/2008\/tutelas-2008\/' title='Tutelas 2008' class='pt-cv-tax-tutelas-2008'>Tutelas 2008<\/a><\/div>\n<h4 class=\"pt-cv-title\"><a href=\"https:\/\/www.dmsjuridica.com\/buscador_20179478954\/corteconstitucionalcronologico202454587\/t-449-08\/\" class=\"_self\" target=\"_self\" >T-449-08<\/a><\/h4>\n<div class=\"pt-cv-content\"> ...<br \/><div class=\"pt-cv-rmwrap\"><a href=\"https:\/\/www.dmsjuridica.com\/buscador_20179478954\/corteconstitucionalcronologico202454587\/t-449-08\/\" class=\"_self pt-cv-readmore btn btn-success\" target=\"_self\">Ver Sentencia Completa...<\/a><\/div><\/div><\/div><\/div>\n<div class=\"col-md-12 col-sm-12 col-xs-12 pt-cv-content-item pt-cv-1-col\" ><div class='pt-cv-ifield'><a href=\"https:\/\/www.dmsjuridica.com\/buscador_20179478954\/corteconstitucionalcronologico202454587\/t-448-08\/\" class=\"_self pt-cv-href-thumbnail pt-cv-thumb-default\" target=\"_self\" ><\/a>\n<div class=\"pt-cv-taxoterm above_title\"><a href='https:\/\/www.dmsjuridica.com\/buscador_20179478954\/corteconstitucionalcronologico202454587\/category\/buscar-en-toda-la-corte\/2008\/tutelas-2008\/' title='Tutelas 2008' class='pt-cv-tax-tutelas-2008'>Tutelas 2008<\/a><\/div>\n<h4 class=\"pt-cv-title\"><a href=\"https:\/\/www.dmsjuridica.com\/buscador_20179478954\/corteconstitucionalcronologico202454587\/t-448-08\/\" class=\"_self\" target=\"_self\" >T-448-08<\/a><\/h4>\n<div class=\"pt-cv-content\">\u00a0 \u00a0 Sentencia T-448\/08 \u00a0 DERECHO A LA SEGURIDAD SOCIAL-Doble naturaleza \u00a0 DERECHO A LA SEGURIDAD SOCIAL-Evoluci\u00f3n jurisprudencial \u00a0 DERECHO DE ACCESO A LA ADMINISTRACION DE JUSTICIA EN EL ESTADO SOCIAL DE DERECHO-Pilar fundamental\u00a0 \u00a0 DERECHO DE ACCESO A LA ADMINISTRACION DE JUSTICIA-L\u00edmites a configuraci\u00f3n legal\/DERECHO DE ACCESO A LA ADMINISTRACION DE JUSTICIA-Previa definici\u00f3n de condiciones y requisitos de operatividad \u00a0 CUMPLIMIENTO DE SENTENCIAS JUDICIALES-Es un imperativo del Estado social de Derecho \u00a0 PRINCIPIO DE SUBSIDIARIEDAD DE LA ACCION DE TUTELA \u00a0 Referencia: expediente T- 1802553. \u00a0 Acci\u00f3n de tutela instaurada por Roc\u00edo Margarita Zuleta contra el Instituto de Seguros ...<br \/><div class=\"pt-cv-rmwrap\"><a href=\"https:\/\/www.dmsjuridica.com\/buscador_20179478954\/corteconstitucionalcronologico202454587\/t-448-08\/\" class=\"_self pt-cv-readmore btn btn-success\" target=\"_self\">Ver Sentencia Completa...<\/a><\/div><\/div><\/div><\/div>\n<div class=\"col-md-12 col-sm-12 col-xs-12 pt-cv-content-item pt-cv-1-col\" ><div class='pt-cv-ifield'><a href=\"https:\/\/www.dmsjuridica.com\/buscador_20179478954\/corteconstitucionalcronologico202454587\/t-447-08\/\" class=\"_self pt-cv-href-thumbnail pt-cv-thumb-default\" target=\"_self\" ><\/a>\n<div class=\"pt-cv-taxoterm above_title\"><a href='https:\/\/www.dmsjuridica.com\/buscador_20179478954\/corteconstitucionalcronologico202454587\/category\/buscar-en-toda-la-corte\/2008\/tutelas-2008\/' title='Tutelas 2008' class='pt-cv-tax-tutelas-2008'>Tutelas 2008<\/a><\/div>\n<h4 class=\"pt-cv-title\"><a href=\"https:\/\/www.dmsjuridica.com\/buscador_20179478954\/corteconstitucionalcronologico202454587\/t-447-08\/\" class=\"_self\" target=\"_self\" >T-447-08<\/a><\/h4>\n<div class=\"pt-cv-content\">DERECHO AL TRABAJO-Alcance \u00a0 ENFERMEDAD NO PROFESIONAL-Definici\u00f3n \u00a0 CONTRATO REALIDAD-Prevalencia de lo sustancial sobre lo formal \u00a0 PRESUNCION DE RELACION LABORAL-Inversi\u00f3n de la carga de la prueba \u00a0 INCAPACIDAD NO PROFESIONAL-Requisitos de los cuales depende el reconocimiento de las incapacidades no profesionales \u00a0 DERECHO AL TRABAJO-Reintegro \u00a0 ENTIDAD PROMOTORA DE SALUD-Valoraci\u00f3n para efectos de determinar el grado de discapacidad y el origen de la misma \u00a0 Referencia: expediente T-1.613.082 \u00a0 Acci\u00f3n de tutela instaurada por Adalberto Castilla P\u00e1jaro contra FAMISANAR E. P. S. \u00a0 Magistrado Ponente \u00a0 Dr. HUMBERTO ANTONIO SIERRA PORTO \u00a0 Bogot\u00e1 D.C., ocho (8) de mayo de ...<br \/><div class=\"pt-cv-rmwrap\"><a href=\"https:\/\/www.dmsjuridica.com\/buscador_20179478954\/corteconstitucionalcronologico202454587\/t-447-08\/\" class=\"_self pt-cv-readmore btn btn-success\" target=\"_self\">Ver Sentencia Completa...<\/a><\/div><\/div><\/div><\/div>\n<div class=\"col-md-12 col-sm-12 col-xs-12 pt-cv-content-item pt-cv-1-col\" ><div class='pt-cv-ifield'><a href=\"https:\/\/www.dmsjuridica.com\/buscador_20179478954\/corteconstitucionalcronologico202454587\/t-444-08\/\" class=\"_self pt-cv-href-thumbnail pt-cv-thumb-default\" target=\"_self\" ><\/a>\n<div class=\"pt-cv-taxoterm above_title\"><a href='https:\/\/www.dmsjuridica.com\/buscador_20179478954\/corteconstitucionalcronologico202454587\/category\/buscar-en-toda-la-corte\/2008\/tutelas-2008\/' title='Tutelas 2008' class='pt-cv-tax-tutelas-2008'>Tutelas 2008<\/a><\/div>\n<h4 class=\"pt-cv-title\"><a href=\"https:\/\/www.dmsjuridica.com\/buscador_20179478954\/corteconstitucionalcronologico202454587\/t-444-08\/\" class=\"_self\" target=\"_self\" >T-444-08<\/a><\/h4>\n<div class=\"pt-cv-content\">\u00a0 \u00a0 \u00a0 SENTENCIA T-444\/08 \u00a0 (Mayo 8 de 2008) \u00a0 AYUDA HUMANITARIA PREVISTA EN LEY 418\/97-Requisitos para acceder a la ayuda humanitaria por da\u00f1os causados dentro del marco del conflicto armado interno \u00a0 AYUDA HUMANITARIA-Jurisprudencia de la Corte Constitucional sobre el acceso \u00a0por da\u00f1os causados dentro del marco del conflicto armado \u00a0 PRINCIPIO DE SOLIDARIDAD SOCIAL-V\u00edctimas del conflicto armado tienen derecho a recibir asistencia humanitaria por parte de Acci\u00f3n Social independientemente de los resultados en las investigaciones judiciales pertinentes \u00a0 AYUDA HUMANITARIA-Orden a la Agencia Presidencial para la Acci\u00f3n Social y la Cooperaci\u00f3n Internacional de inaplicar la expresi\u00f3n \u201ccometidos ...<br \/><div class=\"pt-cv-rmwrap\"><a href=\"https:\/\/www.dmsjuridica.com\/buscador_20179478954\/corteconstitucionalcronologico202454587\/t-444-08\/\" class=\"_self pt-cv-readmore btn btn-success\" target=\"_self\">Ver Sentencia Completa...<\/a><\/div><\/div><\/div><\/div>\n<div class=\"col-md-12 col-sm-12 col-xs-12 pt-cv-content-item pt-cv-1-col\" ><div class='pt-cv-ifield'><a href=\"https:\/\/www.dmsjuridica.com\/buscador_20179478954\/corteconstitucionalcronologico202454587\/t-443-08\/\" class=\"_self pt-cv-href-thumbnail pt-cv-thumb-default\" target=\"_self\" ><\/a>\n<div class=\"pt-cv-taxoterm above_title\"><a href='https:\/\/www.dmsjuridica.com\/buscador_20179478954\/corteconstitucionalcronologico202454587\/category\/buscar-en-toda-la-corte\/2008\/tutelas-2008\/' title='Tutelas 2008' class='pt-cv-tax-tutelas-2008'>Tutelas 2008<\/a><\/div>\n<h4 class=\"pt-cv-title\"><a href=\"https:\/\/www.dmsjuridica.com\/buscador_20179478954\/corteconstitucionalcronologico202454587\/t-443-08\/\" class=\"_self\" target=\"_self\" >T-443-08<\/a><\/h4>\n<div class=\"pt-cv-content\"> ...<br \/><div class=\"pt-cv-rmwrap\"><a href=\"https:\/\/www.dmsjuridica.com\/buscador_20179478954\/corteconstitucionalcronologico202454587\/t-443-08\/\" class=\"_self pt-cv-readmore btn btn-success\" target=\"_self\">Ver Sentencia Completa...<\/a><\/div><\/div><\/div><\/div>\n<div class=\"col-md-12 col-sm-12 col-xs-12 pt-cv-content-item pt-cv-1-col\" ><div class='pt-cv-ifield'><a href=\"https:\/\/www.dmsjuridica.com\/buscador_20179478954\/corteconstitucionalcronologico202454587\/t-442-08\/\" class=\"_self pt-cv-href-thumbnail pt-cv-thumb-default\" target=\"_self\" ><\/a>\n<div class=\"pt-cv-taxoterm above_title\"><a href='https:\/\/www.dmsjuridica.com\/buscador_20179478954\/corteconstitucionalcronologico202454587\/category\/buscar-en-toda-la-corte\/2008\/tutelas-2008\/' title='Tutelas 2008' class='pt-cv-tax-tutelas-2008'>Tutelas 2008<\/a><\/div>\n<h4 class=\"pt-cv-title\"><a href=\"https:\/\/www.dmsjuridica.com\/buscador_20179478954\/corteconstitucionalcronologico202454587\/t-442-08\/\" class=\"_self\" target=\"_self\" >T-442-08<\/a><\/h4>\n<div class=\"pt-cv-content\">\u00a0 \u00a0 SENTENCIA T-442\/08 \u00a0 (Mayo 8 de 2008) \u00a0 ACCION DE TUTELA-Procedencia excepcional para el pago de incapacidades laborales \u00a0 DERECHO AL MINIMO VITAL-Vulneraci\u00f3n por no pago de incapacidades laborales cuando son la \u00fanica fuente del trabajador \u00a0 ALLANAMIENTO A LA MORA POR ENTIDAD PROMOTORA DE SALUD-Pago de incapacidades laborales por Coomeva EPS \u00a0 Referencia: expediente T-1.791.275 \u00a0 Accionante: Cristina Isabel L\u00f3pez Arias. \u00a0 Accionado: COOMEVA EPS. \u00a0 Fallo de tutela objeto de revisi\u00f3n: Sentencia del Juzgado Segundo Civil del Circuito de Sincelejo del cuatro (04) de septiembre del a\u00f1o dos mil siete (2007), confirmatoria de la sentencia del ...<br \/><div class=\"pt-cv-rmwrap\"><a href=\"https:\/\/www.dmsjuridica.com\/buscador_20179478954\/corteconstitucionalcronologico202454587\/t-442-08\/\" class=\"_self pt-cv-readmore btn btn-success\" target=\"_self\">Ver Sentencia Completa...<\/a><\/div><\/div><\/div><\/div>\n<div class=\"col-md-12 col-sm-12 col-xs-12 pt-cv-content-item pt-cv-1-col\" ><div class='pt-cv-ifield'><a href=\"https:\/\/www.dmsjuridica.com\/buscador_20179478954\/corteconstitucionalcronologico202454587\/t-441-08\/\" class=\"_self pt-cv-href-thumbnail pt-cv-thumb-default\" target=\"_self\" ><\/a>\n<div class=\"pt-cv-taxoterm above_title\"><a href='https:\/\/www.dmsjuridica.com\/buscador_20179478954\/corteconstitucionalcronologico202454587\/category\/buscar-en-toda-la-corte\/2008\/tutelas-2008\/' title='Tutelas 2008' class='pt-cv-tax-tutelas-2008'>Tutelas 2008<\/a><\/div>\n<h4 class=\"pt-cv-title\"><a href=\"https:\/\/www.dmsjuridica.com\/buscador_20179478954\/corteconstitucionalcronologico202454587\/t-441-08\/\" class=\"_self\" target=\"_self\" >T-441-08<\/a><\/h4>\n<div class=\"pt-cv-content\">\u00a0 \u00a0 SENTENCIA T-441\/08 \u00a0 (Mayo 8 de 2008) \u00a0 AYUDA HUMANITARIA PREVISTA EN LEY 418\/97-Requisitos para su acceso \u00a0 VICTIMA DE CONFLICTO ARMADO INTERNO-Jurisprudencia de la Corte Constitucional sobre el acceso a la ayuda humanitaria \u00a0 AYUDA HUMANITARIA-Violaci\u00f3n de los derechos de las v\u00edctimas y del derecho de petici\u00f3n por la exigencia del censo respectivo y de una certificaci\u00f3n de autoridad competente sobre su ocurrencia \u201cpor motivos ideol\u00f3gicos y pol\u00edticos en el marco del conflicto armado interno \u00a0 DERECHO DE PETICION-Vulneraci\u00f3n por no haber resuelto de fondo la solicitud sobre la asistencia humanitaria a v\u00edctimas de la violencia\u00a0 \u00a0 ...<br \/><div class=\"pt-cv-rmwrap\"><a href=\"https:\/\/www.dmsjuridica.com\/buscador_20179478954\/corteconstitucionalcronologico202454587\/t-441-08\/\" class=\"_self pt-cv-readmore btn btn-success\" target=\"_self\">Ver Sentencia Completa...<\/a><\/div><\/div><\/div><\/div>\n<div class=\"col-md-12 col-sm-12 col-xs-12 pt-cv-content-item pt-cv-1-col\" ><div class='pt-cv-ifield'><a href=\"https:\/\/www.dmsjuridica.com\/buscador_20179478954\/corteconstitucionalcronologico202454587\/t-440-08\/\" class=\"_self pt-cv-href-thumbnail pt-cv-thumb-default\" target=\"_self\" ><\/a>\n<div class=\"pt-cv-taxoterm above_title\"><a href='https:\/\/www.dmsjuridica.com\/buscador_20179478954\/corteconstitucionalcronologico202454587\/category\/buscar-en-toda-la-corte\/2008\/tutelas-2008\/' title='Tutelas 2008' class='pt-cv-tax-tutelas-2008'>Tutelas 2008<\/a><\/div>\n<h4 class=\"pt-cv-title\"><a href=\"https:\/\/www.dmsjuridica.com\/buscador_20179478954\/corteconstitucionalcronologico202454587\/t-440-08\/\" class=\"_self\" target=\"_self\" >T-440-08<\/a><\/h4>\n<div class=\"pt-cv-content\">\u00a0 \u00a0 Sentencia T-440\/08 \u00a0 DERECHOS DE LA MUJER-Consagraci\u00f3n en instrumentos internacionales \u00a0 DERECHOS DE LA MUJER EMBARAZADA-Protecci\u00f3n constitucional especial\u00a0 \u00a0 DERECHO A LA ESTABILIDAD LABORAL REFORZADA DE MUJER EMBARAZADA-Aplicable a todas las trabajadoras sin importar la relaci\u00f3n laboral que se tenga o la modalidad de contrato \u00a0 DERECHO A LA ESTABILIDAD LABORAL REFORZADA DE MUJER EMBARAZADA-Presunci\u00f3n del despido por motivo del estado de embarazo \u00a0 DERECHO A LA ESTABILIDAD LABORAL REFORZADA DE MUJER EMBARAZADA-Reintegro al cargo \u00a0 Referencia: expediente T-1795766. \u00a0 Acci\u00f3n de tutela instaurada por Diana Carolina Gonz\u00e1lez Quevedo, contra Comercial Transandina Automotriz, S.A.. \u00a0 Procedencia: Juzgado 16 ...<br \/><div class=\"pt-cv-rmwrap\"><a href=\"https:\/\/www.dmsjuridica.com\/buscador_20179478954\/corteconstitucionalcronologico202454587\/t-440-08\/\" class=\"_self pt-cv-readmore btn btn-success\" target=\"_self\">Ver Sentencia Completa...<\/a><\/div><\/div><\/div><\/div>\n<div class=\"col-md-12 col-sm-12 col-xs-12 pt-cv-content-item pt-cv-1-col\" ><div class='pt-cv-ifield'><a href=\"https:\/\/www.dmsjuridica.com\/buscador_20179478954\/corteconstitucionalcronologico202454587\/t-439-08\/\" class=\"_self pt-cv-href-thumbnail pt-cv-thumb-default\" target=\"_self\" ><\/a>\n<div class=\"pt-cv-taxoterm above_title\"><a href='https:\/\/www.dmsjuridica.com\/buscador_20179478954\/corteconstitucionalcronologico202454587\/category\/buscar-en-toda-la-corte\/2008\/tutelas-2008\/' title='Tutelas 2008' class='pt-cv-tax-tutelas-2008'>Tutelas 2008<\/a><\/div>\n<h4 class=\"pt-cv-title\"><a href=\"https:\/\/www.dmsjuridica.com\/buscador_20179478954\/corteconstitucionalcronologico202454587\/t-439-08\/\" class=\"_self\" target=\"_self\" >T-439-08<\/a><\/h4>\n<div class=\"pt-cv-content\"> ...<br \/><div class=\"pt-cv-rmwrap\"><a href=\"https:\/\/www.dmsjuridica.com\/buscador_20179478954\/corteconstitucionalcronologico202454587\/t-439-08\/\" class=\"_self pt-cv-readmore btn btn-success\" target=\"_self\">Ver Sentencia Completa...<\/a><\/div><\/div><\/div><\/div>\n<div class=\"col-md-12 col-sm-12 col-xs-12 pt-cv-content-item pt-cv-1-col\" ><div class='pt-cv-ifield'><a href=\"https:\/\/www.dmsjuridica.com\/buscador_20179478954\/corteconstitucionalcronologico202454587\/t-437-08\/\" class=\"_self pt-cv-href-thumbnail pt-cv-thumb-default\" target=\"_self\" ><\/a>\n<div class=\"pt-cv-taxoterm above_title\"><a href='https:\/\/www.dmsjuridica.com\/buscador_20179478954\/corteconstitucionalcronologico202454587\/category\/buscar-en-toda-la-corte\/2008\/tutelas-2008\/' title='Tutelas 2008' class='pt-cv-tax-tutelas-2008'>Tutelas 2008<\/a><\/div>\n<h4 class=\"pt-cv-title\"><a href=\"https:\/\/www.dmsjuridica.com\/buscador_20179478954\/corteconstitucionalcronologico202454587\/t-437-08\/\" class=\"_self\" target=\"_self\" >T-437-08<\/a><\/h4>\n<div class=\"pt-cv-content\"> ...<br \/><div class=\"pt-cv-rmwrap\"><a href=\"https:\/\/www.dmsjuridica.com\/buscador_20179478954\/corteconstitucionalcronologico202454587\/t-437-08\/\" class=\"_self pt-cv-readmore btn btn-success\" target=\"_self\">Ver Sentencia Completa...<\/a><\/div><\/div><\/div><\/div>\n<div class=\"col-md-12 col-sm-12 col-xs-12 pt-cv-content-item pt-cv-1-col\" ><div class='pt-cv-ifield'><a href=\"https:\/\/www.dmsjuridica.com\/buscador_20179478954\/corteconstitucionalcronologico202454587\/t-436-08\/\" class=\"_self pt-cv-href-thumbnail pt-cv-thumb-default\" target=\"_self\" ><\/a>\n<div class=\"pt-cv-taxoterm above_title\"><a href='https:\/\/www.dmsjuridica.com\/buscador_20179478954\/corteconstitucionalcronologico202454587\/category\/buscar-en-toda-la-corte\/2008\/tutelas-2008\/' title='Tutelas 2008' class='pt-cv-tax-tutelas-2008'>Tutelas 2008<\/a><\/div>\n<h4 class=\"pt-cv-title\"><a href=\"https:\/\/www.dmsjuridica.com\/buscador_20179478954\/corteconstitucionalcronologico202454587\/t-436-08\/\" class=\"_self\" target=\"_self\" >T-436-08<\/a><\/h4>\n<div class=\"pt-cv-content\"> ...<br \/><div class=\"pt-cv-rmwrap\"><a href=\"https:\/\/www.dmsjuridica.com\/buscador_20179478954\/corteconstitucionalcronologico202454587\/t-436-08\/\" class=\"_self pt-cv-readmore btn btn-success\" target=\"_self\">Ver Sentencia Completa...<\/a><\/div><\/div><\/div><\/div>\n<div class=\"col-md-12 col-sm-12 col-xs-12 pt-cv-content-item pt-cv-1-col\" ><div class='pt-cv-ifield'><a href=\"https:\/\/www.dmsjuridica.com\/buscador_20179478954\/corteconstitucionalcronologico202454587\/t-435-08\/\" class=\"_self pt-cv-href-thumbnail pt-cv-thumb-default\" target=\"_self\" ><\/a>\n<div class=\"pt-cv-taxoterm above_title\"><a href='https:\/\/www.dmsjuridica.com\/buscador_20179478954\/corteconstitucionalcronologico202454587\/category\/buscar-en-toda-la-corte\/2008\/tutelas-2008\/' title='Tutelas 2008' class='pt-cv-tax-tutelas-2008'>Tutelas 2008<\/a><\/div>\n<h4 class=\"pt-cv-title\"><a href=\"https:\/\/www.dmsjuridica.com\/buscador_20179478954\/corteconstitucionalcronologico202454587\/t-435-08\/\" class=\"_self\" target=\"_self\" >T-435-08<\/a><\/h4>\n<div class=\"pt-cv-content\"> ...<br \/><div class=\"pt-cv-rmwrap\"><a href=\"https:\/\/www.dmsjuridica.com\/buscador_20179478954\/corteconstitucionalcronologico202454587\/t-435-08\/\" class=\"_self pt-cv-readmore btn btn-success\" target=\"_self\">Ver Sentencia Completa...<\/a><\/div><\/div><\/div><\/div>\n<div class=\"col-md-12 col-sm-12 col-xs-12 pt-cv-content-item pt-cv-1-col\" ><div class='pt-cv-ifield'><a href=\"https:\/\/www.dmsjuridica.com\/buscador_20179478954\/corteconstitucionalcronologico202454587\/t-434-08\/\" class=\"_self pt-cv-href-thumbnail pt-cv-thumb-default\" target=\"_self\" ><\/a>\n<div class=\"pt-cv-taxoterm above_title\"><a href='https:\/\/www.dmsjuridica.com\/buscador_20179478954\/corteconstitucionalcronologico202454587\/category\/buscar-en-toda-la-corte\/2008\/tutelas-2008\/' title='Tutelas 2008' class='pt-cv-tax-tutelas-2008'>Tutelas 2008<\/a><\/div>\n<h4 class=\"pt-cv-title\"><a href=\"https:\/\/www.dmsjuridica.com\/buscador_20179478954\/corteconstitucionalcronologico202454587\/t-434-08\/\" class=\"_self\" target=\"_self\" >T-434-08<\/a><\/h4>\n<div class=\"pt-cv-content\"> ...<br \/><div class=\"pt-cv-rmwrap\"><a href=\"https:\/\/www.dmsjuridica.com\/buscador_20179478954\/corteconstitucionalcronologico202454587\/t-434-08\/\" class=\"_self pt-cv-readmore btn btn-success\" target=\"_self\">Ver Sentencia Completa...<\/a><\/div><\/div><\/div><\/div>\n<div class=\"col-md-12 col-sm-12 col-xs-12 pt-cv-content-item pt-cv-1-col\" ><div class='pt-cv-ifield'><a href=\"https:\/\/www.dmsjuridica.com\/buscador_20179478954\/corteconstitucionalcronologico202454587\/t-433-08\/\" class=\"_self pt-cv-href-thumbnail pt-cv-thumb-default\" target=\"_self\" ><\/a>\n<div class=\"pt-cv-taxoterm above_title\"><a href='https:\/\/www.dmsjuridica.com\/buscador_20179478954\/corteconstitucionalcronologico202454587\/category\/buscar-en-toda-la-corte\/2008\/tutelas-2008\/' title='Tutelas 2008' class='pt-cv-tax-tutelas-2008'>Tutelas 2008<\/a><\/div>\n<h4 class=\"pt-cv-title\"><a href=\"https:\/\/www.dmsjuridica.com\/buscador_20179478954\/corteconstitucionalcronologico202454587\/t-433-08\/\" class=\"_self\" target=\"_self\" >T-433-08<\/a><\/h4>\n<div class=\"pt-cv-content\"> ...<br \/><div class=\"pt-cv-rmwrap\"><a href=\"https:\/\/www.dmsjuridica.com\/buscador_20179478954\/corteconstitucionalcronologico202454587\/t-433-08\/\" class=\"_self pt-cv-readmore btn btn-success\" target=\"_self\">Ver Sentencia Completa...<\/a><\/div><\/div><\/div><\/div>\n<div class=\"col-md-12 col-sm-12 col-xs-12 pt-cv-content-item pt-cv-1-col\" ><div class='pt-cv-ifield'><a href=\"https:\/\/www.dmsjuridica.com\/buscador_20179478954\/corteconstitucionalcronologico202454587\/t-432-08\/\" class=\"_self pt-cv-href-thumbnail pt-cv-thumb-default\" target=\"_self\" ><\/a>\n<div class=\"pt-cv-taxoterm above_title\"><a href='https:\/\/www.dmsjuridica.com\/buscador_20179478954\/corteconstitucionalcronologico202454587\/category\/buscar-en-toda-la-corte\/2008\/tutelas-2008\/' title='Tutelas 2008' class='pt-cv-tax-tutelas-2008'>Tutelas 2008<\/a><\/div>\n<h4 class=\"pt-cv-title\"><a href=\"https:\/\/www.dmsjuridica.com\/buscador_20179478954\/corteconstitucionalcronologico202454587\/t-432-08\/\" class=\"_self\" target=\"_self\" >T-432-08<\/a><\/h4>\n<div class=\"pt-cv-content\">\u00a0 \u00a0 Sentencia T-432\/08\u00a0 \u00a0 ACCION DE TUTELA-Procedencia como mecanismo transitorio para evitar un perjuicio irremediable \u00a0 RETIRO DEL SERVICIO DE LA POLICIA NACIONAL-Discrecionalidad \u00a0 RETIRO DISCRECIONAL DE OFICIALES Y SUBOFICIALES DE LA POLICIA-Por recomendaci\u00f3n del Comit\u00e9 de evaluaci\u00f3n \u00a0 RETIRO DISCRECIONAL POR RAZONES DEL SERVICIO DE OFICIALES Y SUBOFICIALES DE LA POLICIA NACIONAL Y FUERZAS MILITARES-Recomendaci\u00f3n debe estar precedida por examen de fondo, completo y preciso de razones que se invocan para el retiro \u00a0 RETIRO DEL SERVICIO DE EMPLEADOS DE CARRERA ADMINISTRATIVA DE MINDEFENSA, FUERZAS MILITARES Y POLICIA NACIONAL-Por informe reservado \u00a0 ACCION DE TUTELA CONTRA LA POLICIA ...<br \/><div class=\"pt-cv-rmwrap\"><a href=\"https:\/\/www.dmsjuridica.com\/buscador_20179478954\/corteconstitucionalcronologico202454587\/t-432-08\/\" class=\"_self pt-cv-readmore btn btn-success\" target=\"_self\">Ver Sentencia Completa...<\/a><\/div><\/div><\/div><\/div>\n<div class=\"col-md-12 col-sm-12 col-xs-12 pt-cv-content-item pt-cv-1-col\" ><div class='pt-cv-ifield'><a href=\"https:\/\/www.dmsjuridica.com\/buscador_20179478954\/corteconstitucionalcronologico202454587\/t-431-08\/\" class=\"_self pt-cv-href-thumbnail pt-cv-thumb-default\" target=\"_self\" ><\/a>\n<div class=\"pt-cv-taxoterm above_title\"><a href='https:\/\/www.dmsjuridica.com\/buscador_20179478954\/corteconstitucionalcronologico202454587\/category\/buscar-en-toda-la-corte\/2008\/tutelas-2008\/' title='Tutelas 2008' class='pt-cv-tax-tutelas-2008'>Tutelas 2008<\/a><\/div>\n<h4 class=\"pt-cv-title\"><a href=\"https:\/\/www.dmsjuridica.com\/buscador_20179478954\/corteconstitucionalcronologico202454587\/t-431-08\/\" class=\"_self\" target=\"_self\" >T-431-08<\/a><\/h4>\n<div class=\"pt-cv-content\">\u00a0 \u00a0 Sentencia T-431\/08 \u00a0 DERECHO A LA SALUD DE NI\u00d1OS Y NI\u00d1AS-Fundamental aut\u00f3nomo \u00a0 SISTEMA DE SEGURIDAD SOCIAL EN SALUD-Atenci\u00f3n integral a los ni\u00f1os \u00a0 Referencia: expediente T-1833586 \u00a0 Acci\u00f3n de tutela instaurada por Jos\u00e9 Ricardo Oviedo Agamez en representaci\u00f3n de su hijo Keyner Jos\u00e9 Oviedo Betancourt contra Humana Vivir E.P.S. \u00a0 Magistrado Ponente: \u00a0 Dr. MANUEL JOS\u00c9 CEPEDA ESPINOSA \u00a0 Bogot\u00e1, D.C., seis (6) de mayo de dos mil ocho (2008) \u00a0 La Sala Segunda de Revisi\u00f3n de la Corte Constitucional, integrada por los magistrados, Manuel Jos\u00e9 Cepeda Espinosa, Jaime C\u00f3rdoba Trivi\u00f1o y Rodrigo Escobar Gil, en ejercicio ...<br \/><div class=\"pt-cv-rmwrap\"><a href=\"https:\/\/www.dmsjuridica.com\/buscador_20179478954\/corteconstitucionalcronologico202454587\/t-431-08\/\" class=\"_self pt-cv-readmore btn btn-success\" target=\"_self\">Ver Sentencia Completa...<\/a><\/div><\/div><\/div><\/div>\n<div class=\"col-md-12 col-sm-12 col-xs-12 pt-cv-content-item pt-cv-1-col\" ><div class='pt-cv-ifield'><a href=\"https:\/\/www.dmsjuridica.com\/buscador_20179478954\/corteconstitucionalcronologico202454587\/t-430-08\/\" class=\"_self pt-cv-href-thumbnail pt-cv-thumb-default\" target=\"_self\" ><\/a>\n<div class=\"pt-cv-taxoterm above_title\"><a href='https:\/\/www.dmsjuridica.com\/buscador_20179478954\/corteconstitucionalcronologico202454587\/category\/buscar-en-toda-la-corte\/2008\/tutelas-2008\/' title='Tutelas 2008' class='pt-cv-tax-tutelas-2008'>Tutelas 2008<\/a><\/div>\n<h4 class=\"pt-cv-title\"><a href=\"https:\/\/www.dmsjuridica.com\/buscador_20179478954\/corteconstitucionalcronologico202454587\/t-430-08\/\" class=\"_self\" target=\"_self\" >T-430-08<\/a><\/h4>\n<div class=\"pt-cv-content\"> ...<br \/><div class=\"pt-cv-rmwrap\"><a href=\"https:\/\/www.dmsjuridica.com\/buscador_20179478954\/corteconstitucionalcronologico202454587\/t-430-08\/\" class=\"_self pt-cv-readmore btn btn-success\" target=\"_self\">Ver Sentencia Completa...<\/a><\/div><\/div><\/div><\/div>\n<div class=\"col-md-12 col-sm-12 col-xs-12 pt-cv-content-item pt-cv-1-col\" ><div class='pt-cv-ifield'><a href=\"https:\/\/www.dmsjuridica.com\/buscador_20179478954\/corteconstitucionalcronologico202454587\/t-429-08\/\" class=\"_self pt-cv-href-thumbnail pt-cv-thumb-default\" target=\"_self\" ><\/a>\n<div class=\"pt-cv-taxoterm above_title\"><a href='https:\/\/www.dmsjuridica.com\/buscador_20179478954\/corteconstitucionalcronologico202454587\/category\/buscar-en-toda-la-corte\/2008\/tutelas-2008\/' title='Tutelas 2008' class='pt-cv-tax-tutelas-2008'>Tutelas 2008<\/a><\/div>\n<h4 class=\"pt-cv-title\"><a href=\"https:\/\/www.dmsjuridica.com\/buscador_20179478954\/corteconstitucionalcronologico202454587\/t-429-08\/\" class=\"_self\" target=\"_self\" >T-429-08<\/a><\/h4>\n<div class=\"pt-cv-content\">\u00a0 \u00a0 Sentencia T-429\/08 \u00a0 DERECHO A LA SALUD-Caso en que se debe prescindir de los copagos y cuotas moderadoras por la situaci\u00f3n econ\u00f3mica de la demandante \u00a0 La Ley 100 de 1993 y esta Corporaci\u00f3n, a trav\u00e9s de reiterada jurisprudencia, hacen hincapi\u00e9 en que si bien las empresas promotoras de salud y las entidades territoriales pueden exigir pagos moderadores por la prestaci\u00f3n de servicios salud, \u00e9stos no pueden convertirse en barreras que impidan a la poblaci\u00f3n pobre y vulnerable acceder a la atenci\u00f3n m\u00e9dica que se derive de una patolog\u00eda que afecta sus condiciones normales de vida. En id\u00e9ntico ...<br \/><div class=\"pt-cv-rmwrap\"><a href=\"https:\/\/www.dmsjuridica.com\/buscador_20179478954\/corteconstitucionalcronologico202454587\/t-429-08\/\" class=\"_self pt-cv-readmore btn btn-success\" target=\"_self\">Ver Sentencia Completa...<\/a><\/div><\/div><\/div><\/div>\n<div class=\"col-md-12 col-sm-12 col-xs-12 pt-cv-content-item pt-cv-1-col\" ><div class='pt-cv-ifield'><a href=\"https:\/\/www.dmsjuridica.com\/buscador_20179478954\/corteconstitucionalcronologico202454587\/t-423-08\/\" class=\"_self pt-cv-href-thumbnail pt-cv-thumb-default\" target=\"_self\" ><\/a>\n<div class=\"pt-cv-taxoterm above_title\"><a href='https:\/\/www.dmsjuridica.com\/buscador_20179478954\/corteconstitucionalcronologico202454587\/category\/buscar-en-toda-la-corte\/2008\/tutelas-2008\/' title='Tutelas 2008' class='pt-cv-tax-tutelas-2008'>Tutelas 2008<\/a><\/div>\n<h4 class=\"pt-cv-title\"><a href=\"https:\/\/www.dmsjuridica.com\/buscador_20179478954\/corteconstitucionalcronologico202454587\/t-423-08\/\" class=\"_self\" target=\"_self\" >T-423-08<\/a><\/h4>\n<div class=\"pt-cv-content\"> ...<br \/><div class=\"pt-cv-rmwrap\"><a href=\"https:\/\/www.dmsjuridica.com\/buscador_20179478954\/corteconstitucionalcronologico202454587\/t-423-08\/\" class=\"_self pt-cv-readmore btn btn-success\" target=\"_self\">Ver Sentencia Completa...<\/a><\/div><\/div><\/div><\/div>\n<div class=\"col-md-12 col-sm-12 col-xs-12 pt-cv-content-item pt-cv-1-col\" ><div class='pt-cv-ifield'><a href=\"https:\/\/www.dmsjuridica.com\/buscador_20179478954\/corteconstitucionalcronologico202454587\/t-422-08\/\" class=\"_self pt-cv-href-thumbnail pt-cv-thumb-default\" target=\"_self\" ><\/a>\n<div class=\"pt-cv-taxoterm above_title\"><a href='https:\/\/www.dmsjuridica.com\/buscador_20179478954\/corteconstitucionalcronologico202454587\/category\/buscar-en-toda-la-corte\/2008\/tutelas-2008\/' title='Tutelas 2008' class='pt-cv-tax-tutelas-2008'>Tutelas 2008<\/a><\/div>\n<h4 class=\"pt-cv-title\"><a href=\"https:\/\/www.dmsjuridica.com\/buscador_20179478954\/corteconstitucionalcronologico202454587\/t-422-08\/\" class=\"_self\" target=\"_self\" >T-422-08<\/a><\/h4>\n<div class=\"pt-cv-content\"> ...<br \/><div class=\"pt-cv-rmwrap\"><a href=\"https:\/\/www.dmsjuridica.com\/buscador_20179478954\/corteconstitucionalcronologico202454587\/t-422-08\/\" class=\"_self pt-cv-readmore btn btn-success\" target=\"_self\">Ver Sentencia Completa...<\/a><\/div><\/div><\/div><\/div>\n<div class=\"col-md-12 col-sm-12 col-xs-12 pt-cv-content-item pt-cv-1-col\" ><div class='pt-cv-ifield'><a href=\"https:\/\/www.dmsjuridica.com\/buscador_20179478954\/corteconstitucionalcronologico202454587\/t-421-08\/\" class=\"_self pt-cv-href-thumbnail pt-cv-thumb-default\" target=\"_self\" ><\/a>\n<div class=\"pt-cv-taxoterm above_title\"><a href='https:\/\/www.dmsjuridica.com\/buscador_20179478954\/corteconstitucionalcronologico202454587\/category\/buscar-en-toda-la-corte\/2008\/tutelas-2008\/' title='Tutelas 2008' class='pt-cv-tax-tutelas-2008'>Tutelas 2008<\/a><\/div>\n<h4 class=\"pt-cv-title\"><a href=\"https:\/\/www.dmsjuridica.com\/buscador_20179478954\/corteconstitucionalcronologico202454587\/t-421-08\/\" class=\"_self\" target=\"_self\" >T-421-08<\/a><\/h4>\n<div class=\"pt-cv-content\"> ...<br \/><div class=\"pt-cv-rmwrap\"><a href=\"https:\/\/www.dmsjuridica.com\/buscador_20179478954\/corteconstitucionalcronologico202454587\/t-421-08\/\" class=\"_self pt-cv-readmore btn btn-success\" target=\"_self\">Ver Sentencia Completa...<\/a><\/div><\/div><\/div><\/div>\n<div class=\"col-md-12 col-sm-12 col-xs-12 pt-cv-content-item pt-cv-1-col\" ><div class='pt-cv-ifield'><a href=\"https:\/\/www.dmsjuridica.com\/buscador_20179478954\/corteconstitucionalcronologico202454587\/t-419-08\/\" class=\"_self pt-cv-href-thumbnail pt-cv-thumb-default\" target=\"_self\" ><\/a>\n<div class=\"pt-cv-taxoterm above_title\"><a href='https:\/\/www.dmsjuridica.com\/buscador_20179478954\/corteconstitucionalcronologico202454587\/category\/buscar-en-toda-la-corte\/2008\/tutelas-2008\/' title='Tutelas 2008' class='pt-cv-tax-tutelas-2008'>Tutelas 2008<\/a><\/div>\n<h4 class=\"pt-cv-title\"><a href=\"https:\/\/www.dmsjuridica.com\/buscador_20179478954\/corteconstitucionalcronologico202454587\/t-419-08\/\" class=\"_self\" target=\"_self\" >T-419-08<\/a><\/h4>\n<div class=\"pt-cv-content\">\u00a0 \u00a0 Sentencia T-419\/08 \u00a0 ACCION DE TUTELA CONTRA PROVIDENCIAS JUDICIALES-Evoluci\u00f3n jurisprudencial \u00a0 JUEZ DE TUTELA-No le compete valorar autom\u00e1ticamente los medios de prueba acopiados y apreciados en forma legal y oportuna en el proceso \u00a0 ACCION DE TUTELA CONTRA PROVIDENCIAS JUDICIALES-Inexistencia de vulneraci\u00f3n al debido proceso por haberse valorado las pruebas aportadas al proceso ejecutivo \u00a0 Referencia: expediente T-1792041. \u00a0 Acci\u00f3n de tutela instaurada por Carlos Jes\u00fas Cantillo Ball\u00e9n, contra el Tribunal Superior \u00a0de Bogot\u00e1, Sala Civil. \u00a0 Procedencia: Corte Suprema de Justicia, Sala de Casaci\u00f3n Laboral. \u00a0 Magistrado Ponente:\u00a0 \u00a0 Dr. NILSON PINILLA PINILLA \u00a0 La Sala S\u00e9ptima ...<br \/><div class=\"pt-cv-rmwrap\"><a href=\"https:\/\/www.dmsjuridica.com\/buscador_20179478954\/corteconstitucionalcronologico202454587\/t-419-08\/\" class=\"_self pt-cv-readmore btn btn-success\" target=\"_self\">Ver Sentencia Completa...<\/a><\/div><\/div><\/div><\/div>\n<div class=\"col-md-12 col-sm-12 col-xs-12 pt-cv-content-item pt-cv-1-col\" ><div class='pt-cv-ifield'><a href=\"https:\/\/www.dmsjuridica.com\/buscador_20179478954\/corteconstitucionalcronologico202454587\/t-418-08\/\" class=\"_self pt-cv-href-thumbnail pt-cv-thumb-default\" target=\"_self\" ><\/a>\n<div class=\"pt-cv-taxoterm above_title\"><a href='https:\/\/www.dmsjuridica.com\/buscador_20179478954\/corteconstitucionalcronologico202454587\/category\/buscar-en-toda-la-corte\/2008\/tutelas-2008\/' title='Tutelas 2008' class='pt-cv-tax-tutelas-2008'>Tutelas 2008<\/a><\/div>\n<h4 class=\"pt-cv-title\"><a href=\"https:\/\/www.dmsjuridica.com\/buscador_20179478954\/corteconstitucionalcronologico202454587\/t-418-08\/\" class=\"_self\" target=\"_self\" >T-418-08<\/a><\/h4>\n<div class=\"pt-cv-content\"> ...<br \/><div class=\"pt-cv-rmwrap\"><a href=\"https:\/\/www.dmsjuridica.com\/buscador_20179478954\/corteconstitucionalcronologico202454587\/t-418-08\/\" class=\"_self pt-cv-readmore btn btn-success\" target=\"_self\">Ver Sentencia Completa...<\/a><\/div><\/div><\/div><\/div>\n<div class=\"col-md-12 col-sm-12 col-xs-12 pt-cv-content-item pt-cv-1-col\" ><div class='pt-cv-ifield'><a href=\"https:\/\/www.dmsjuridica.com\/buscador_20179478954\/corteconstitucionalcronologico202454587\/t-417-08\/\" class=\"_self pt-cv-href-thumbnail pt-cv-thumb-default\" target=\"_self\" ><\/a>\n<div class=\"pt-cv-taxoterm above_title\"><a href='https:\/\/www.dmsjuridica.com\/buscador_20179478954\/corteconstitucionalcronologico202454587\/category\/buscar-en-toda-la-corte\/2008\/tutelas-2008\/' title='Tutelas 2008' class='pt-cv-tax-tutelas-2008'>Tutelas 2008<\/a><\/div>\n<h4 class=\"pt-cv-title\"><a href=\"https:\/\/www.dmsjuridica.com\/buscador_20179478954\/corteconstitucionalcronologico202454587\/t-417-08\/\" class=\"_self\" target=\"_self\" >T-417-08<\/a><\/h4>\n<div class=\"pt-cv-content\"> ...<br \/><div class=\"pt-cv-rmwrap\"><a href=\"https:\/\/www.dmsjuridica.com\/buscador_20179478954\/corteconstitucionalcronologico202454587\/t-417-08\/\" class=\"_self pt-cv-readmore btn btn-success\" target=\"_self\">Ver Sentencia Completa...<\/a><\/div><\/div><\/div><\/div>\n<div class=\"col-md-12 col-sm-12 col-xs-12 pt-cv-content-item pt-cv-1-col\" ><div class='pt-cv-ifield'><a href=\"https:\/\/www.dmsjuridica.com\/buscador_20179478954\/corteconstitucionalcronologico202454587\/t-416-08\/\" class=\"_self pt-cv-href-thumbnail pt-cv-thumb-default\" target=\"_self\" ><\/a>\n<div class=\"pt-cv-taxoterm above_title\"><a href='https:\/\/www.dmsjuridica.com\/buscador_20179478954\/corteconstitucionalcronologico202454587\/category\/buscar-en-toda-la-corte\/2008\/tutelas-2008\/' title='Tutelas 2008' class='pt-cv-tax-tutelas-2008'>Tutelas 2008<\/a><\/div>\n<h4 class=\"pt-cv-title\"><a href=\"https:\/\/www.dmsjuridica.com\/buscador_20179478954\/corteconstitucionalcronologico202454587\/t-416-08\/\" class=\"_self\" target=\"_self\" >T-416-08<\/a><\/h4>\n<div class=\"pt-cv-content\">\u00a0 \u00a0 Sentencia T-416\/08 \u00a0 ACCION DE TUTELA-Carencia actual de objeto por fallecimiento del actor \u00a0 ACCION DE TUTELA-Incidencia de la muerte del agenciado \u00a0 \u00a0 \u00a0 DERECHO AL MINIMO VITAL DEL PENSIONADO-Elementos que deben concurrir para establecer con certeza vulneraci\u00f3n como consecuencia del no pago de mesadas pensi\u00f3nales \u00a0 ACCION DE TUTELA-Procedencia excepcional pago de mesadas pensionales \u00a0 DERECHO A LA PENSION DE JUBILACION-Situaci\u00f3n econ\u00f3mica de empresa no impide pago oportuno de mesadas \u00a0 JUEZ DE TUTELA-Garant\u00eda de pago de mesadas pensionales futuras \u00a0 PERSONA DE LA TERCERA EDAD-Pago tard\u00edo de pensiones atenta contra la subsistencia tanto del pensionado ...<br \/><div class=\"pt-cv-rmwrap\"><a href=\"https:\/\/www.dmsjuridica.com\/buscador_20179478954\/corteconstitucionalcronologico202454587\/t-416-08\/\" class=\"_self pt-cv-readmore btn btn-success\" target=\"_self\">Ver Sentencia Completa...<\/a><\/div><\/div><\/div><\/div>\n<div class=\"col-md-12 col-sm-12 col-xs-12 pt-cv-content-item pt-cv-1-col\" ><div class='pt-cv-ifield'><a href=\"https:\/\/www.dmsjuridica.com\/buscador_20179478954\/corteconstitucionalcronologico202454587\/t-415-08\/\" class=\"_self pt-cv-href-thumbnail pt-cv-thumb-default\" target=\"_self\" ><\/a>\n<div class=\"pt-cv-taxoterm above_title\"><a href='https:\/\/www.dmsjuridica.com\/buscador_20179478954\/corteconstitucionalcronologico202454587\/category\/buscar-en-toda-la-corte\/2008\/tutelas-2008\/' title='Tutelas 2008' class='pt-cv-tax-tutelas-2008'>Tutelas 2008<\/a><\/div>\n<h4 class=\"pt-cv-title\"><a href=\"https:\/\/www.dmsjuridica.com\/buscador_20179478954\/corteconstitucionalcronologico202454587\/t-415-08\/\" class=\"_self\" target=\"_self\" >T-415-08<\/a><\/h4>\n<div class=\"pt-cv-content\">\u00a0 \u00a0 Sentencia T-415\/08\u00a0 \u00a0 DOCTRINA CONSTITUCIONAL SOBRE DERECHOS-Su fundamentalidad no depende de la manera c\u00f3mo estos se hacen efectivos en la pr\u00e1ctica \u00a0 FUNDAMENTALIDAD DEL DERECHO A LA SALUD-Instrumentos internacionales y nacionales \u00a0 FUNDAMENTALIDAD-Doble significado, respecto del sujeto y del objeto \u00a0 LINEA JURISPRUDENCIAL SOBRE CIRUGIA DE BY PASS GASTRICO POR OBESIDAD MORBIDA \u00a0 DERECHO A LA SALUD-Tratamiento integral para obesidad m\u00f3rbida \u00a0 DERECHO A LA SALUD-Orden a\u00a0 \u00a0 \u00a0 \u00a0 \u00a0EPS SANITAS para que previamente a la realizaci\u00f3n de intervenci\u00f3n quir\u00fargica valore a la actora por un grupo multidisciplinario de especialistas y se d\u00e9 informaci\u00f3n sobre beneficios y ...<br \/><div class=\"pt-cv-rmwrap\"><a href=\"https:\/\/www.dmsjuridica.com\/buscador_20179478954\/corteconstitucionalcronologico202454587\/t-415-08\/\" class=\"_self pt-cv-readmore btn btn-success\" target=\"_self\">Ver Sentencia Completa...<\/a><\/div><\/div><\/div><\/div>\n<div class=\"col-md-12 col-sm-12 col-xs-12 pt-cv-content-item pt-cv-1-col\" ><div class='pt-cv-ifield'><a href=\"https:\/\/www.dmsjuridica.com\/buscador_20179478954\/corteconstitucionalcronologico202454587\/t-414-08\/\" class=\"_self pt-cv-href-thumbnail pt-cv-thumb-default\" target=\"_self\" ><\/a>\n<div class=\"pt-cv-taxoterm above_title\"><a href='https:\/\/www.dmsjuridica.com\/buscador_20179478954\/corteconstitucionalcronologico202454587\/category\/buscar-en-toda-la-corte\/2008\/tutelas-2008\/' title='Tutelas 2008' class='pt-cv-tax-tutelas-2008'>Tutelas 2008<\/a><\/div>\n<h4 class=\"pt-cv-title\"><a href=\"https:\/\/www.dmsjuridica.com\/buscador_20179478954\/corteconstitucionalcronologico202454587\/t-414-08\/\" class=\"_self\" target=\"_self\" >T-414-08<\/a><\/h4>\n<div class=\"pt-cv-content\">\u00a0 \u00a0 Sentencia T-414\/08\u00a0 \u00a0 DOCTRINA CONSTITUCIONAL SOBRE DERECHOS-Su fundamentalidad no depende de la manera c\u00f3mo estos se hacen efectivos en la pr\u00e1ctica \u00a0 FUNDAMENTALIDAD DEL DERECHO A LA SALUD-Instrumentos internacionales y nacionales \u00a0 FUNDAMENTALIDAD-Doble significado, respecto del sujeto y del objeto \u00a0 DERECHO A LA SALUD-Fundamental por transmutaci\u00f3n en derecho subjetivo por conexidad \u00a0 LINEA JURISPRUDENCIAL SOBRE CIRUGIA DE BYPASS GASTRICO POR OBESIDAD MORBIDA \u00a0 DERECHO A LA SALUD-Requisitos para la cirug\u00eda de By pass G\u00e1strico por obesidad m\u00f3rbida excluida del POS \u00a0 Sobre la base de la l\u00ednea jurisprudencial que se acaba de exponer, se extrae que la ...<br \/><div class=\"pt-cv-rmwrap\"><a href=\"https:\/\/www.dmsjuridica.com\/buscador_20179478954\/corteconstitucionalcronologico202454587\/t-414-08\/\" class=\"_self pt-cv-readmore btn btn-success\" target=\"_self\">Ver Sentencia Completa...<\/a><\/div><\/div><\/div><\/div>\n<div class=\"col-md-12 col-sm-12 col-xs-12 pt-cv-content-item pt-cv-1-col\" ><div class='pt-cv-ifield'><a href=\"https:\/\/www.dmsjuridica.com\/buscador_20179478954\/corteconstitucionalcronologico202454587\/t-413-08\/\" class=\"_self pt-cv-href-thumbnail pt-cv-thumb-default\" target=\"_self\" ><\/a>\n<div class=\"pt-cv-taxoterm above_title\"><a href='https:\/\/www.dmsjuridica.com\/buscador_20179478954\/corteconstitucionalcronologico202454587\/category\/buscar-en-toda-la-corte\/2008\/tutelas-2008\/' title='Tutelas 2008' class='pt-cv-tax-tutelas-2008'>Tutelas 2008<\/a><\/div>\n<h4 class=\"pt-cv-title\"><a href=\"https:\/\/www.dmsjuridica.com\/buscador_20179478954\/corteconstitucionalcronologico202454587\/t-413-08\/\" class=\"_self\" target=\"_self\" >T-413-08<\/a><\/h4>\n<div class=\"pt-cv-content\">\u00a0 \u00a0 Sentencia T-413\/08 \u00a0 ACCION DE TUTELA PARA RECONOCIMIENTO DE PENSION DE SOBREVIVIENTES-Procedencia excepcional \u00a0 ACCION DE TUTELA-Naturaleza subsidiaria \u00a0 ACCION DE TUTELA PARA RECONOCIMIENTO DE PENSION-Requisitos para su procedencia \u00a0 PENSION DE SOBREVIVIENTES-Falta de pruebas que permitieran desvirtuar el fundamento de la decisi\u00f3n del Seguro Social \u00a0 Referencia: expediente T-1798026 \u00a0 \u00a0 \u00a0 Acci\u00f3n de tutela instaurada por Sebasti\u00e1n Vicente Del Valle Palacio y Margarita Osorio de Del Valle contra el Instituto de Seguros Sociales Pensiones Seccional Bogot\u00e1 y el Departamento de Atenci\u00f3n al Pensionado del Instituto de Seguros Sociales Seccional Atl\u00e1ntico. \u00a0 Magistrado Ponente: \u00a0 Dr. JAIME ...<br \/><div class=\"pt-cv-rmwrap\"><a href=\"https:\/\/www.dmsjuridica.com\/buscador_20179478954\/corteconstitucionalcronologico202454587\/t-413-08\/\" class=\"_self pt-cv-readmore btn btn-success\" target=\"_self\">Ver Sentencia Completa...<\/a><\/div><\/div><\/div><\/div>\n<div class=\"col-md-12 col-sm-12 col-xs-12 pt-cv-content-item pt-cv-1-col\" ><div class='pt-cv-ifield'><a href=\"https:\/\/www.dmsjuridica.com\/buscador_20179478954\/corteconstitucionalcronologico202454587\/t-412-08\/\" class=\"_self pt-cv-href-thumbnail pt-cv-thumb-default\" target=\"_self\" ><\/a>\n<div class=\"pt-cv-taxoterm above_title\"><a href='https:\/\/www.dmsjuridica.com\/buscador_20179478954\/corteconstitucionalcronologico202454587\/category\/buscar-en-toda-la-corte\/2008\/tutelas-2008\/' title='Tutelas 2008' class='pt-cv-tax-tutelas-2008'>Tutelas 2008<\/a><\/div>\n<h4 class=\"pt-cv-title\"><a href=\"https:\/\/www.dmsjuridica.com\/buscador_20179478954\/corteconstitucionalcronologico202454587\/t-412-08\/\" class=\"_self\" target=\"_self\" >T-412-08<\/a><\/h4>\n<div class=\"pt-cv-content\"> ...<br \/><div class=\"pt-cv-rmwrap\"><a href=\"https:\/\/www.dmsjuridica.com\/buscador_20179478954\/corteconstitucionalcronologico202454587\/t-412-08\/\" class=\"_self pt-cv-readmore btn btn-success\" target=\"_self\">Ver Sentencia Completa...<\/a><\/div><\/div><\/div><\/div>\n<div class=\"col-md-12 col-sm-12 col-xs-12 pt-cv-content-item pt-cv-1-col\" ><div class='pt-cv-ifield'><a href=\"https:\/\/www.dmsjuridica.com\/buscador_20179478954\/corteconstitucionalcronologico202454587\/t-411-08\/\" class=\"_self pt-cv-href-thumbnail pt-cv-thumb-default\" target=\"_self\" ><\/a>\n<div class=\"pt-cv-taxoterm above_title\"><a href='https:\/\/www.dmsjuridica.com\/buscador_20179478954\/corteconstitucionalcronologico202454587\/category\/buscar-en-toda-la-corte\/2008\/tutelas-2008\/' title='Tutelas 2008' class='pt-cv-tax-tutelas-2008'>Tutelas 2008<\/a><\/div>\n<h4 class=\"pt-cv-title\"><a href=\"https:\/\/www.dmsjuridica.com\/buscador_20179478954\/corteconstitucionalcronologico202454587\/t-411-08\/\" class=\"_self\" target=\"_self\" >T-411-08<\/a><\/h4>\n<div class=\"pt-cv-content\"> ...<br \/><div class=\"pt-cv-rmwrap\"><a href=\"https:\/\/www.dmsjuridica.com\/buscador_20179478954\/corteconstitucionalcronologico202454587\/t-411-08\/\" class=\"_self pt-cv-readmore btn btn-success\" target=\"_self\">Ver Sentencia Completa...<\/a><\/div><\/div><\/div><\/div>\n<div class=\"col-md-12 col-sm-12 col-xs-12 pt-cv-content-item pt-cv-1-col\" ><div class='pt-cv-ifield'><a href=\"https:\/\/www.dmsjuridica.com\/buscador_20179478954\/corteconstitucionalcronologico202454587\/t-410-08\/\" class=\"_self pt-cv-href-thumbnail pt-cv-thumb-default\" target=\"_self\" ><\/a>\n<div class=\"pt-cv-taxoterm above_title\"><a href='https:\/\/www.dmsjuridica.com\/buscador_20179478954\/corteconstitucionalcronologico202454587\/category\/buscar-en-toda-la-corte\/2008\/tutelas-2008\/' title='Tutelas 2008' class='pt-cv-tax-tutelas-2008'>Tutelas 2008<\/a><\/div>\n<h4 class=\"pt-cv-title\"><a href=\"https:\/\/www.dmsjuridica.com\/buscador_20179478954\/corteconstitucionalcronologico202454587\/t-410-08\/\" class=\"_self\" target=\"_self\" >T-410-08<\/a><\/h4>\n<div class=\"pt-cv-content\"> ...<br \/><div class=\"pt-cv-rmwrap\"><a href=\"https:\/\/www.dmsjuridica.com\/buscador_20179478954\/corteconstitucionalcronologico202454587\/t-410-08\/\" class=\"_self pt-cv-readmore btn btn-success\" target=\"_self\">Ver Sentencia Completa...<\/a><\/div><\/div><\/div><\/div>\n<div class=\"col-md-12 col-sm-12 col-xs-12 pt-cv-content-item pt-cv-1-col\" ><div class='pt-cv-ifield'><a href=\"https:\/\/www.dmsjuridica.com\/buscador_20179478954\/corteconstitucionalcronologico202454587\/t-409-08\/\" class=\"_self pt-cv-href-thumbnail pt-cv-thumb-default\" target=\"_self\" ><\/a>\n<div class=\"pt-cv-taxoterm above_title\"><a href='https:\/\/www.dmsjuridica.com\/buscador_20179478954\/corteconstitucionalcronologico202454587\/category\/buscar-en-toda-la-corte\/2008\/tutelas-2008\/' title='Tutelas 2008' class='pt-cv-tax-tutelas-2008'>Tutelas 2008<\/a><\/div>\n<h4 class=\"pt-cv-title\"><a href=\"https:\/\/www.dmsjuridica.com\/buscador_20179478954\/corteconstitucionalcronologico202454587\/t-409-08\/\" class=\"_self\" target=\"_self\" >T-409-08<\/a><\/h4>\n<div class=\"pt-cv-content\"> ...<br \/><div class=\"pt-cv-rmwrap\"><a href=\"https:\/\/www.dmsjuridica.com\/buscador_20179478954\/corteconstitucionalcronologico202454587\/t-409-08\/\" class=\"_self pt-cv-readmore btn btn-success\" target=\"_self\">Ver Sentencia Completa...<\/a><\/div><\/div><\/div><\/div>\n<div class=\"col-md-12 col-sm-12 col-xs-12 pt-cv-content-item pt-cv-1-col\" ><div class='pt-cv-ifield'><a href=\"https:\/\/www.dmsjuridica.com\/buscador_20179478954\/corteconstitucionalcronologico202454587\/t-408-08\/\" class=\"_self pt-cv-href-thumbnail pt-cv-thumb-default\" target=\"_self\" ><\/a>\n<div class=\"pt-cv-taxoterm above_title\"><a href='https:\/\/www.dmsjuridica.com\/buscador_20179478954\/corteconstitucionalcronologico202454587\/category\/buscar-en-toda-la-corte\/2008\/tutelas-2008\/' title='Tutelas 2008' class='pt-cv-tax-tutelas-2008'>Tutelas 2008<\/a><\/div>\n<h4 class=\"pt-cv-title\"><a href=\"https:\/\/www.dmsjuridica.com\/buscador_20179478954\/corteconstitucionalcronologico202454587\/t-408-08\/\" class=\"_self\" target=\"_self\" >T-408-08<\/a><\/h4>\n<div class=\"pt-cv-content\">\u00a0 \u00a0 Sentencia T-408\/08 \u00a0 LEGITIMACION POR ACTIVA EN TUTELA \u00a0 ACCION DE TUTELA CONTRA EMPRESA DE SERVICIOS PUBLICOS DOMICILIARIOS-Procedencia \u00a0 PRESTACION DE SERVICIOS PUBLICOS DOMICILIARIOS-Regulaci\u00f3n legislativa \u00a0 PLAN DE ORDENAMIENTO TERRITORIAL-Concepto \u00a0 PLAN DE ORDENAMIENTO TERRITORIAL-Elementos que debe contemplar \u00a0 PLAN DE ORDENAMIENTO TERRITORIAL-Se\u00f1alamiento y localizaci\u00f3n de las \u00e1reas de riesgo para asentamientos humanos y estrategias de manejo de las zonas expuestas a amenazas y riesgos naturales \u00a0 SERVICIO DE TELEFONIA-Prohibici\u00f3n de instalaci\u00f3n en zonas de alto riesgo no recuperables \u00a0 COMPA\u00d1IA PRESTADORA DE SERVICIO PUBLICO DE ENERGIA-Protecci\u00f3n a la comunidad de los riesgos causados por su actividad \u00a0 ...<br \/><div class=\"pt-cv-rmwrap\"><a href=\"https:\/\/www.dmsjuridica.com\/buscador_20179478954\/corteconstitucionalcronologico202454587\/t-408-08\/\" class=\"_self pt-cv-readmore btn btn-success\" target=\"_self\">Ver Sentencia Completa...<\/a><\/div><\/div><\/div><\/div>\n<div class=\"col-md-12 col-sm-12 col-xs-12 pt-cv-content-item pt-cv-1-col\" ><div class='pt-cv-ifield'><a href=\"https:\/\/www.dmsjuridica.com\/buscador_20179478954\/corteconstitucionalcronologico202454587\/t-407-08\/\" class=\"_self pt-cv-href-thumbnail pt-cv-thumb-default\" target=\"_self\" ><\/a>\n<div class=\"pt-cv-taxoterm above_title\"><a href='https:\/\/www.dmsjuridica.com\/buscador_20179478954\/corteconstitucionalcronologico202454587\/category\/buscar-en-toda-la-corte\/2008\/tutelas-2008\/' title='Tutelas 2008' class='pt-cv-tax-tutelas-2008'>Tutelas 2008<\/a><\/div>\n<h4 class=\"pt-cv-title\"><a href=\"https:\/\/www.dmsjuridica.com\/buscador_20179478954\/corteconstitucionalcronologico202454587\/t-407-08\/\" class=\"_self\" target=\"_self\" >T-407-08<\/a><\/h4>\n<div class=\"pt-cv-content\">\u00a0 \u00a0 Sentencia T-407\/08 \u00a0 DERECHO A LA SALUD-Fundamental\u00a0 \u00a0 SISTEMA DE SALUD DE FUERZAS MILITARES Y POLICIA NACIONAL-Protecci\u00f3n efectiva en consideraci\u00f3n a las labores que realizan \u00a0 DERECHO A LA SALUD DEL SOLDADO RETIRADO-Atenci\u00f3n m\u00e9dica de quien adquiere enfermedad durante su prestaci\u00f3n \u00a0 FUERZAS MILITARES Y POLICIA NACIONAL-Condiciones para garantizar la continuidad del servicio de salud \u00a0 FUERZAS MILITARES Y POLICIA NACIONAL-Deber de continuar con la prestaci\u00f3n del servicio de salud al agente desvinculado \u00a0 Referencia: expediente T-1790792 \u00a0 Acci\u00f3n de tutela instaurada por Alejandro Riveros Virguez contra la Direcci\u00f3n de Sanidad del Ej\u00e9rcito Nacional. \u00a0 Magistrado Ponente: \u00a0 ...<br \/><div class=\"pt-cv-rmwrap\"><a href=\"https:\/\/www.dmsjuridica.com\/buscador_20179478954\/corteconstitucionalcronologico202454587\/t-407-08\/\" class=\"_self pt-cv-readmore btn btn-success\" target=\"_self\">Ver Sentencia Completa...<\/a><\/div><\/div><\/div><\/div>\n<div class=\"col-md-12 col-sm-12 col-xs-12 pt-cv-content-item pt-cv-1-col\" ><div class='pt-cv-ifield'><a href=\"https:\/\/www.dmsjuridica.com\/buscador_20179478954\/corteconstitucionalcronologico202454587\/t-406-08\/\" class=\"_self pt-cv-href-thumbnail pt-cv-thumb-default\" target=\"_self\" ><\/a>\n<div class=\"pt-cv-taxoterm above_title\"><a href='https:\/\/www.dmsjuridica.com\/buscador_20179478954\/corteconstitucionalcronologico202454587\/category\/buscar-en-toda-la-corte\/2008\/tutelas-2008\/' title='Tutelas 2008' class='pt-cv-tax-tutelas-2008'>Tutelas 2008<\/a><\/div>\n<h4 class=\"pt-cv-title\"><a href=\"https:\/\/www.dmsjuridica.com\/buscador_20179478954\/corteconstitucionalcronologico202454587\/t-406-08\/\" class=\"_self\" target=\"_self\" >T-406-08<\/a><\/h4>\n<div class=\"pt-cv-content\">INAPLICACION DE NORMAS DEL PLAN OBLIGATORIO DE SALUD-Casos en que procede por exclusi\u00f3n de tratamientos y medicamentos de alto costo \u00a0 ACCION DE TUTELA CONTRA EMPRESA DE MEDICINA PREPAGADA-Procedencia para autorizaci\u00f3n de procedimiento de bypass g\u00e1strico por laparoscopia \u00a0 ENTIDAD PROMOTORA DE SALUD-Orden de conformar grupo interdisciplinario para determinar el procedimiento a seguir para el tratamiento de la obesidad\u00a0 \u00a0 Referencia: expediente T-1797663 \u00a0 Acci\u00f3n de tutela promovida por Javier Hernando Saa Garc\u00eda contra COMFENALCO EPS. \u00a0 Magistrado Ponente: \u00a0 Dr. JAIME C\u00d3RDOBA TRIVI\u00d1O \u00a0 Bogot\u00e1, D. C., \u00a0veintinueve (29) de abril de dos mil ocho (2008). \u00a0 La Sala ...<br \/><div class=\"pt-cv-rmwrap\"><a href=\"https:\/\/www.dmsjuridica.com\/buscador_20179478954\/corteconstitucionalcronologico202454587\/t-406-08\/\" class=\"_self pt-cv-readmore btn btn-success\" target=\"_self\">Ver Sentencia Completa...<\/a><\/div><\/div><\/div><\/div>\n<div class=\"col-md-12 col-sm-12 col-xs-12 pt-cv-content-item pt-cv-1-col\" ><div class='pt-cv-ifield'><a href=\"https:\/\/www.dmsjuridica.com\/buscador_20179478954\/corteconstitucionalcronologico202454587\/t-405-08\/\" class=\"_self pt-cv-href-thumbnail pt-cv-thumb-default\" target=\"_self\" ><\/a>\n<div class=\"pt-cv-taxoterm above_title\"><a href='https:\/\/www.dmsjuridica.com\/buscador_20179478954\/corteconstitucionalcronologico202454587\/category\/buscar-en-toda-la-corte\/2008\/tutelas-2008\/' title='Tutelas 2008' class='pt-cv-tax-tutelas-2008'>Tutelas 2008<\/a><\/div>\n<h4 class=\"pt-cv-title\"><a href=\"https:\/\/www.dmsjuridica.com\/buscador_20179478954\/corteconstitucionalcronologico202454587\/t-405-08\/\" class=\"_self\" target=\"_self\" >T-405-08<\/a><\/h4>\n<div class=\"pt-cv-content\">\u00a0 \u00a0 Sentencia T-405\/08\u00a0 \u00a0 DERECHO A LA SALUD-Doble connotaci\u00f3n \u00a0 DERECHO A LA SALUD-Instrumentos internacionales de protecci\u00f3n \u00a0 DERECHOS ECONOMICOS, SOCIALES Y CULTURALES-Condici\u00f3n program\u00e1tica tiende a transmutarse hacia un derecho subjetivo \u00a0 DERECHO A LA SALUD DE PERSONA DE LA TERCERA EDAD-Fundamental aut\u00f3nomo \u00a0 DERECHO A LA CONTINUIDAD EN EL SERVICIO DE SALUD-Alcance \u00a0 PERJUICIO IRREMEDIABLE-Caracter\u00edsticas \u00a0 ECOPETROL-Deber de continuidad en el servicio p\u00fablico de salud hasta tanto no pase a ser prestado por alguno de los servicios de salud escogidos por personas de la tercera edad \u00a0 Referencia: expediente T-1803957 \u00a0 Acci\u00f3n de tutela interpuesta por Maritza Isabel ...<br \/><div class=\"pt-cv-rmwrap\"><a href=\"https:\/\/www.dmsjuridica.com\/buscador_20179478954\/corteconstitucionalcronologico202454587\/t-405-08\/\" class=\"_self pt-cv-readmore btn btn-success\" target=\"_self\">Ver Sentencia Completa...<\/a><\/div><\/div><\/div><\/div>\n<div class=\"col-md-12 col-sm-12 col-xs-12 pt-cv-content-item pt-cv-1-col\" ><div class='pt-cv-ifield'><a href=\"https:\/\/www.dmsjuridica.com\/buscador_20179478954\/corteconstitucionalcronologico202454587\/t-404-08\/\" class=\"_self pt-cv-href-thumbnail pt-cv-thumb-default\" target=\"_self\" ><\/a>\n<div class=\"pt-cv-taxoterm above_title\"><a href='https:\/\/www.dmsjuridica.com\/buscador_20179478954\/corteconstitucionalcronologico202454587\/category\/buscar-en-toda-la-corte\/2008\/tutelas-2008\/' title='Tutelas 2008' class='pt-cv-tax-tutelas-2008'>Tutelas 2008<\/a><\/div>\n<h4 class=\"pt-cv-title\"><a href=\"https:\/\/www.dmsjuridica.com\/buscador_20179478954\/corteconstitucionalcronologico202454587\/t-404-08\/\" class=\"_self\" target=\"_self\" >T-404-08<\/a><\/h4>\n<div class=\"pt-cv-content\"> ...<br \/><div class=\"pt-cv-rmwrap\"><a href=\"https:\/\/www.dmsjuridica.com\/buscador_20179478954\/corteconstitucionalcronologico202454587\/t-404-08\/\" class=\"_self pt-cv-readmore btn btn-success\" target=\"_self\">Ver Sentencia Completa...<\/a><\/div><\/div><\/div><\/div>\n<div class=\"col-md-12 col-sm-12 col-xs-12 pt-cv-content-item pt-cv-1-col\" ><div class='pt-cv-ifield'><a href=\"https:\/\/www.dmsjuridica.com\/buscador_20179478954\/corteconstitucionalcronologico202454587\/t-403-08\/\" class=\"_self pt-cv-href-thumbnail pt-cv-thumb-default\" target=\"_self\" ><\/a>\n<div class=\"pt-cv-taxoterm above_title\"><a href='https:\/\/www.dmsjuridica.com\/buscador_20179478954\/corteconstitucionalcronologico202454587\/category\/buscar-en-toda-la-corte\/2008\/tutelas-2008\/' title='Tutelas 2008' class='pt-cv-tax-tutelas-2008'>Tutelas 2008<\/a><\/div>\n<h4 class=\"pt-cv-title\"><a href=\"https:\/\/www.dmsjuridica.com\/buscador_20179478954\/corteconstitucionalcronologico202454587\/t-403-08\/\" class=\"_self\" target=\"_self\" >T-403-08<\/a><\/h4>\n<div class=\"pt-cv-content\">\u00a0 \u00a0 Sentencia T-403\/08 \u00a0 ACCION DE TUTELA-Hecho superado por cuanto el despacho judicial levant\u00f3 la restricci\u00f3n que limitaba la entrega de mesadas pensionales causadas desde el fallecimiento del causante \u00a0 Referencia: expediente T-1792086 \u00a0 Acci\u00f3n de tutela instaurada por Luz Marina Baham\u00f3n Cort\u00e9s, en representaci\u00f3n de sus dos hijos menores de edad, en contra del Juzgado Tercero de Familia de Ibagu\u00e9. \u00a0 Magistrado Ponente: \u00a0 Dr. JAIME C\u00d3RDOBA TRIVI\u00d1O \u00a0 Bogot\u00e1, D.C., veintinueve (29) de abril de dos mil ocho (2008). \u00a0 La Sala Tercera de Revisi\u00f3n de la Corte Constitucional, integrada por los magistrados Jaime C\u00f3rdoba Trivi\u00f1o, Rodrigo ...<br \/><div class=\"pt-cv-rmwrap\"><a href=\"https:\/\/www.dmsjuridica.com\/buscador_20179478954\/corteconstitucionalcronologico202454587\/t-403-08\/\" class=\"_self pt-cv-readmore btn btn-success\" target=\"_self\">Ver Sentencia Completa...<\/a><\/div><\/div><\/div><\/div>\n<div class=\"col-md-12 col-sm-12 col-xs-12 pt-cv-content-item pt-cv-1-col\" ><div class='pt-cv-ifield'><a href=\"https:\/\/www.dmsjuridica.com\/buscador_20179478954\/corteconstitucionalcronologico202454587\/t-402-08\/\" class=\"_self pt-cv-href-thumbnail pt-cv-thumb-default\" target=\"_self\" ><\/a>\n<div class=\"pt-cv-taxoterm above_title\"><a href='https:\/\/www.dmsjuridica.com\/buscador_20179478954\/corteconstitucionalcronologico202454587\/category\/buscar-en-toda-la-corte\/2008\/tutelas-2008\/' title='Tutelas 2008' class='pt-cv-tax-tutelas-2008'>Tutelas 2008<\/a><\/div>\n<h4 class=\"pt-cv-title\"><a href=\"https:\/\/www.dmsjuridica.com\/buscador_20179478954\/corteconstitucionalcronologico202454587\/t-402-08\/\" class=\"_self\" target=\"_self\" >T-402-08<\/a><\/h4>\n<div class=\"pt-cv-content\">\u00a0 \u00a0 SENTENCIA T-402\/08 \u00a0 (Abril 25 de 2008)\u00a0 \u00a0 ACCION DE TUTELA CONTRA PROVIDENCIAS JUDICIALES-Reiteraci\u00f3n de jurisprudencia \u00a0 PRINCIPIO DE FAVORABILIDAD EN EL MARCO DE LA LEY 906 DE 2004-Estado actual de la jurisprudencia de la Corte Constitucional sobre la aplicaci\u00f3n \u00a0 SENTENCIA ANTICIPADA EN LEY 600 DE 2000 Y ALLANAMIENTO DE CARGOS EN LEY 906 DE 2004-Aplicaci\u00f3n del principio de favorabilidad \u00a0 PRINCIPIO DE FAVORABILIDAD EN EL MARCO DE LA LEY 906 DE 2004-Supuestos para su aplicaci\u00f3n \u00a0 ACCION DE TUTELA CONTRA PROVIDENCIAS JUDICIALES-Cumple los requisitos para que proceda en el caso sub judice \u00a0 PRECEDENTE CONSTITUCIONAL-Desconocimiento debido ...<br \/><div class=\"pt-cv-rmwrap\"><a href=\"https:\/\/www.dmsjuridica.com\/buscador_20179478954\/corteconstitucionalcronologico202454587\/t-402-08\/\" class=\"_self pt-cv-readmore btn btn-success\" target=\"_self\">Ver Sentencia Completa...<\/a><\/div><\/div><\/div><\/div>\n<div class=\"col-md-12 col-sm-12 col-xs-12 pt-cv-content-item pt-cv-1-col\" ><div class='pt-cv-ifield'><a href=\"https:\/\/www.dmsjuridica.com\/buscador_20179478954\/corteconstitucionalcronologico202454587\/t-401-08\/\" class=\"_self pt-cv-href-thumbnail pt-cv-thumb-default\" target=\"_self\" ><\/a>\n<div class=\"pt-cv-taxoterm above_title\"><a href='https:\/\/www.dmsjuridica.com\/buscador_20179478954\/corteconstitucionalcronologico202454587\/category\/buscar-en-toda-la-corte\/2008\/tutelas-2008\/' title='Tutelas 2008' class='pt-cv-tax-tutelas-2008'>Tutelas 2008<\/a><\/div>\n<h4 class=\"pt-cv-title\"><a href=\"https:\/\/www.dmsjuridica.com\/buscador_20179478954\/corteconstitucionalcronologico202454587\/t-401-08\/\" class=\"_self\" target=\"_self\" >T-401-08<\/a><\/h4>\n<div class=\"pt-cv-content\">\u00a0 \u00a0 Sentencia T-401\/08 \u00a0 CEDULA DE CIUDADANIA-Importancia y funciones que cumple \u00a0 CEDULA DE CIUDADANIA-Orden de iniciar los tr\u00e1mites y procedimiento necesarios para su entrega\u00a0 \u00a0 Referencia: expediente T-1851519 \u00a0 Acci\u00f3n de tutela instaurada por Rosa Ben\u00edtez Bola\u00f1os y Maria Victoria Ord\u00f3\u00f1ez Rodr\u00edguez contra la Registradur\u00eda Nacional del Estado Civil\u00a0 \u00a0 Magistrado Ponente: \u00a0 Dr. MANUEL JOS\u00c9 CEPEDA ESPINOSA \u00a0 Bogot\u00e1 D.C., veinticinco (25) de abril de dos mil ocho (2008). \u00a0 La Sala Segunda de Revisi\u00f3n de la Corte Constitucional, integrada por los magistrados, Manuel Jos\u00e9 Cepeda Espinosa, Jaime C\u00f3rdoba Trivi\u00f1o y Rodrigo Escobar Gil, en ejercicio de ...<br \/><div class=\"pt-cv-rmwrap\"><a href=\"https:\/\/www.dmsjuridica.com\/buscador_20179478954\/corteconstitucionalcronologico202454587\/t-401-08\/\" class=\"_self pt-cv-readmore btn btn-success\" target=\"_self\">Ver Sentencia Completa...<\/a><\/div><\/div><\/div><\/div>\n<div class=\"col-md-12 col-sm-12 col-xs-12 pt-cv-content-item pt-cv-1-col\" ><div class='pt-cv-ifield'><a href=\"https:\/\/www.dmsjuridica.com\/buscador_20179478954\/corteconstitucionalcronologico202454587\/t-400-08\/\" class=\"_self pt-cv-href-thumbnail pt-cv-thumb-default\" target=\"_self\" ><\/a>\n<div class=\"pt-cv-taxoterm above_title\"><a href='https:\/\/www.dmsjuridica.com\/buscador_20179478954\/corteconstitucionalcronologico202454587\/category\/buscar-en-toda-la-corte\/2008\/tutelas-2008\/' title='Tutelas 2008' class='pt-cv-tax-tutelas-2008'>Tutelas 2008<\/a><\/div>\n<h4 class=\"pt-cv-title\"><a href=\"https:\/\/www.dmsjuridica.com\/buscador_20179478954\/corteconstitucionalcronologico202454587\/t-400-08\/\" class=\"_self\" target=\"_self\" >T-400-08<\/a><\/h4>\n<div class=\"pt-cv-content\"> ...<br \/><div class=\"pt-cv-rmwrap\"><a href=\"https:\/\/www.dmsjuridica.com\/buscador_20179478954\/corteconstitucionalcronologico202454587\/t-400-08\/\" class=\"_self pt-cv-readmore btn btn-success\" target=\"_self\">Ver Sentencia Completa...<\/a><\/div><\/div><\/div><\/div>\n<div class=\"col-md-12 col-sm-12 col-xs-12 pt-cv-content-item pt-cv-1-col\" ><div class='pt-cv-ifield'><a href=\"https:\/\/www.dmsjuridica.com\/buscador_20179478954\/corteconstitucionalcronologico202454587\/t-399-08\/\" class=\"_self pt-cv-href-thumbnail pt-cv-thumb-default\" target=\"_self\" ><\/a>\n<div class=\"pt-cv-taxoterm above_title\"><a href='https:\/\/www.dmsjuridica.com\/buscador_20179478954\/corteconstitucionalcronologico202454587\/category\/buscar-en-toda-la-corte\/2008\/tutelas-2008\/' title='Tutelas 2008' class='pt-cv-tax-tutelas-2008'>Tutelas 2008<\/a><\/div>\n<h4 class=\"pt-cv-title\"><a href=\"https:\/\/www.dmsjuridica.com\/buscador_20179478954\/corteconstitucionalcronologico202454587\/t-399-08\/\" class=\"_self\" target=\"_self\" >T-399-08<\/a><\/h4>\n<div class=\"pt-cv-content\">\u00a0 \u00a0 Sentencia T-399\/08 \u00a0 GRUPOS ARMADOS IRREGULARES-Mecanismos de desmovilizaci\u00f3n \u00a0 GRUPOS ARMADOS IRREGULARES-Etapas en el proceso de desmovilizaci\u00f3n individual \u00a0 El proceso de desmovilizaci\u00f3n individual comprende diversas etapas, iniciando con la presentaci\u00f3n f\u00edsica del interesado ante los jueces, fiscales, autoridades militares o de polic\u00eda, representantes del Procurador o del Defensor del Pueblo, o autoridades de las entidades territoriales, quienes informar\u00e1n inmediatamente del hecho a la Fiscal\u00eda General de la Naci\u00f3n y a la guarnici\u00f3n militar m\u00e1s cercana al lugar de la entrega, tal y como lo dispone el par\u00e1grafo del art\u00edculo 53 de la Ley 418 de 1997, prorrogada ...<br \/><div class=\"pt-cv-rmwrap\"><a href=\"https:\/\/www.dmsjuridica.com\/buscador_20179478954\/corteconstitucionalcronologico202454587\/t-399-08\/\" class=\"_self pt-cv-readmore btn btn-success\" target=\"_self\">Ver Sentencia Completa...<\/a><\/div><\/div><\/div><\/div>\n<div class=\"col-md-12 col-sm-12 col-xs-12 pt-cv-content-item pt-cv-1-col\" ><div class='pt-cv-ifield'><a href=\"https:\/\/www.dmsjuridica.com\/buscador_20179478954\/corteconstitucionalcronologico202454587\/t-398-08\/\" class=\"_self pt-cv-href-thumbnail pt-cv-thumb-default\" target=\"_self\" ><\/a>\n<div class=\"pt-cv-taxoterm above_title\"><a href='https:\/\/www.dmsjuridica.com\/buscador_20179478954\/corteconstitucionalcronologico202454587\/category\/buscar-en-toda-la-corte\/2008\/tutelas-2008\/' title='Tutelas 2008' class='pt-cv-tax-tutelas-2008'>Tutelas 2008<\/a><\/div>\n<h4 class=\"pt-cv-title\"><a href=\"https:\/\/www.dmsjuridica.com\/buscador_20179478954\/corteconstitucionalcronologico202454587\/t-398-08\/\" class=\"_self\" target=\"_self\" >T-398-08<\/a><\/h4>\n<div class=\"pt-cv-content\">\u00a0 \u00a0 Sentencia T-398\/08 \u00a0 AGENCIA OFICIOSA EN TUTELA-Legitimidad del accionante \u00a0 DERECHO A LA SALUD-Doble connotaci\u00f3n \u00a0 ACCION DE TUTELA CONTRA ENTIDAD PROMOTORA DE SALUD-Casos en que procede por vulneraci\u00f3n a la salud en conexidad con la vida digna \u00a0 DERECHO A LA SALUD COMO DERECHO FUNDAMENTAL FRENTE A SUJETOS DE ESPECIAL PROTECCION-Alcance \u00a0 DERECHO A LA SALUD COMO CONCEPTO INTEGRAL-Incluye no s\u00f3lo aspectos f\u00edsicos sino tambi\u00e9n ps\u00edquicos, emocionales y sociales \u00a0 PRINCIPIO DE INTEGRALIDAD DEL SISTEMA DE SEGURIDAD SOCIAL EN SALUD-Alcance de las ordenes de tutela \u00a0 PRINCIPIO DE INTEGRALIDAD DEL SISTEMA DE SEGURIDAD SOCIAL EN SALUD-Criterios determinadores ...<br \/><div class=\"pt-cv-rmwrap\"><a href=\"https:\/\/www.dmsjuridica.com\/buscador_20179478954\/corteconstitucionalcronologico202454587\/t-398-08\/\" class=\"_self pt-cv-readmore btn btn-success\" target=\"_self\">Ver Sentencia Completa...<\/a><\/div><\/div><\/div><\/div>\n<div class=\"col-md-12 col-sm-12 col-xs-12 pt-cv-content-item pt-cv-1-col\" ><div class='pt-cv-ifield'><a href=\"https:\/\/www.dmsjuridica.com\/buscador_20179478954\/corteconstitucionalcronologico202454587\/t-397-08\/\" class=\"_self pt-cv-href-thumbnail pt-cv-thumb-default\" target=\"_self\" ><\/a>\n<div class=\"pt-cv-taxoterm above_title\"><a href='https:\/\/www.dmsjuridica.com\/buscador_20179478954\/corteconstitucionalcronologico202454587\/category\/buscar-en-toda-la-corte\/2008\/tutelas-2008\/' title='Tutelas 2008' class='pt-cv-tax-tutelas-2008'>Tutelas 2008<\/a><\/div>\n<h4 class=\"pt-cv-title\"><a href=\"https:\/\/www.dmsjuridica.com\/buscador_20179478954\/corteconstitucionalcronologico202454587\/t-397-08\/\" class=\"_self\" target=\"_self\" >T-397-08<\/a><\/h4>\n<div class=\"pt-cv-content\"> ...<br \/><div class=\"pt-cv-rmwrap\"><a href=\"https:\/\/www.dmsjuridica.com\/buscador_20179478954\/corteconstitucionalcronologico202454587\/t-397-08\/\" class=\"_self pt-cv-readmore btn btn-success\" target=\"_self\">Ver Sentencia Completa...<\/a><\/div><\/div><\/div><\/div>\n<div class=\"col-md-12 col-sm-12 col-xs-12 pt-cv-content-item pt-cv-1-col\" ><div class='pt-cv-ifield'><a href=\"https:\/\/www.dmsjuridica.com\/buscador_20179478954\/corteconstitucionalcronologico202454587\/t-395-08\/\" class=\"_self pt-cv-href-thumbnail pt-cv-thumb-default\" target=\"_self\" ><\/a>\n<div class=\"pt-cv-taxoterm above_title\"><a href='https:\/\/www.dmsjuridica.com\/buscador_20179478954\/corteconstitucionalcronologico202454587\/category\/buscar-en-toda-la-corte\/2008\/tutelas-2008\/' title='Tutelas 2008' class='pt-cv-tax-tutelas-2008'>Tutelas 2008<\/a><\/div>\n<h4 class=\"pt-cv-title\"><a href=\"https:\/\/www.dmsjuridica.com\/buscador_20179478954\/corteconstitucionalcronologico202454587\/t-395-08\/\" class=\"_self\" target=\"_self\" >T-395-08<\/a><\/h4>\n<div class=\"pt-cv-content\"> ...<br \/><div class=\"pt-cv-rmwrap\"><a href=\"https:\/\/www.dmsjuridica.com\/buscador_20179478954\/corteconstitucionalcronologico202454587\/t-395-08\/\" class=\"_self pt-cv-readmore btn btn-success\" target=\"_self\">Ver Sentencia Completa...<\/a><\/div><\/div><\/div><\/div>\n<div class=\"col-md-12 col-sm-12 col-xs-12 pt-cv-content-item pt-cv-1-col\" ><div class='pt-cv-ifield'><a href=\"https:\/\/www.dmsjuridica.com\/buscador_20179478954\/corteconstitucionalcronologico202454587\/t-394-08\/\" class=\"_self pt-cv-href-thumbnail pt-cv-thumb-default\" target=\"_self\" ><\/a>\n<div class=\"pt-cv-taxoterm above_title\"><a href='https:\/\/www.dmsjuridica.com\/buscador_20179478954\/corteconstitucionalcronologico202454587\/category\/buscar-en-toda-la-corte\/2008\/tutelas-2008\/' title='Tutelas 2008' class='pt-cv-tax-tutelas-2008'>Tutelas 2008<\/a><\/div>\n<h4 class=\"pt-cv-title\"><a href=\"https:\/\/www.dmsjuridica.com\/buscador_20179478954\/corteconstitucionalcronologico202454587\/t-394-08\/\" class=\"_self\" target=\"_self\" >T-394-08<\/a><\/h4>\n<div class=\"pt-cv-content\">\u00a0 \u00a0 Sentencia T-394\/08 \u00a0 ESPACIO PUBLICO-Protecci\u00f3n constitucional \u00a0 ESPACIO PUBLICO-Provisi\u00f3n de alternativas econ\u00f3micas frente a vendedores ambulantes \u00a0 ANCIANOS INDIGENTES-Se rige por el Decreto 569\/04 \u00a0 ACCION DE TUTELA-Carencia actual de objeto por estar incluido vendedor ambulante en Proyecto Distrital\u00a0 \u00a0 Referencia: expediente T-1530686 \u00a0 Acci\u00f3n de tutela interpuesta por Luz Marina \u00c1vila contra el Fondo de Ventas Populares de Bogot\u00e1 D. C.\u00a0 \u00a0 Magistrado Ponente:\u00a0 \u00a0 Dr. HUMBERTO ANTONIO SIERRA PORTO \u00a0 Bogot\u00e1, D. C., veinticuatro (24) de abril de dos mil ocho (2008). \u00a0 La Sala Octava de Revisi\u00f3n de la Corte Constitucional integrada por los magistrados ...<br \/><div class=\"pt-cv-rmwrap\"><a href=\"https:\/\/www.dmsjuridica.com\/buscador_20179478954\/corteconstitucionalcronologico202454587\/t-394-08\/\" class=\"_self pt-cv-readmore btn btn-success\" target=\"_self\">Ver Sentencia Completa...<\/a><\/div><\/div><\/div><\/div>\n<div class=\"col-md-12 col-sm-12 col-xs-12 pt-cv-content-item pt-cv-1-col\" ><div class='pt-cv-ifield'><a href=\"https:\/\/www.dmsjuridica.com\/buscador_20179478954\/corteconstitucionalcronologico202454587\/t-393-08\/\" class=\"_self pt-cv-href-thumbnail pt-cv-thumb-default\" target=\"_self\" ><\/a>\n<div class=\"pt-cv-taxoterm above_title\"><a href='https:\/\/www.dmsjuridica.com\/buscador_20179478954\/corteconstitucionalcronologico202454587\/category\/buscar-en-toda-la-corte\/2008\/tutelas-2008\/' title='Tutelas 2008' class='pt-cv-tax-tutelas-2008'>Tutelas 2008<\/a><\/div>\n<h4 class=\"pt-cv-title\"><a href=\"https:\/\/www.dmsjuridica.com\/buscador_20179478954\/corteconstitucionalcronologico202454587\/t-393-08\/\" class=\"_self\" target=\"_self\" >T-393-08<\/a><\/h4>\n<div class=\"pt-cv-content\"> ...<br \/><div class=\"pt-cv-rmwrap\"><a href=\"https:\/\/www.dmsjuridica.com\/buscador_20179478954\/corteconstitucionalcronologico202454587\/t-393-08\/\" class=\"_self pt-cv-readmore btn btn-success\" target=\"_self\">Ver Sentencia Completa...<\/a><\/div><\/div><\/div><\/div>\n<div class=\"col-md-12 col-sm-12 col-xs-12 pt-cv-content-item pt-cv-1-col\" ><div class='pt-cv-ifield'><a href=\"https:\/\/www.dmsjuridica.com\/buscador_20179478954\/corteconstitucionalcronologico202454587\/t-392-08\/\" class=\"_self pt-cv-href-thumbnail pt-cv-thumb-default\" target=\"_self\" ><\/a>\n<div class=\"pt-cv-taxoterm above_title\"><a href='https:\/\/www.dmsjuridica.com\/buscador_20179478954\/corteconstitucionalcronologico202454587\/category\/buscar-en-toda-la-corte\/2008\/tutelas-2008\/' title='Tutelas 2008' class='pt-cv-tax-tutelas-2008'>Tutelas 2008<\/a><\/div>\n<h4 class=\"pt-cv-title\"><a href=\"https:\/\/www.dmsjuridica.com\/buscador_20179478954\/corteconstitucionalcronologico202454587\/t-392-08\/\" class=\"_self\" target=\"_self\" >T-392-08<\/a><\/h4>\n<div class=\"pt-cv-content\">\u00a0 \u00a0 Sentencia T-392\/08 \u00a0 ESTABILIDAD LABORAL REFORZADA-Protecci\u00f3n constitucional especial \u00a0 ESTABILIDAD LABORAL REFORZADA-Campo de aplicaci\u00f3n \u00a0 REINTEGRO DE EMPLEADO CON ESTABILIDAD LABORAL REFORZADA-Compensaci\u00f3n del monto de salarios y prestaciones laborales dejadas de percibir \u00a0 Referencia: expediente T-1524420 \u00a0 Peticionario: Eduar Salamanca Hoyos.\u00a0 \u00a0 Accionado: Papeles del Cauca S.A. y otro. \u00a0 Magistrado Ponente:\u00a0 \u00a0 Dr. MARCO GERARDO MONROY CABRA \u00a0 Bogot\u00e1, D.C., veinticuatro (24) de abril de dos mil ocho (2008) \u00a0 La Sala Sexta de Revisi\u00f3n de la Corte Constitucional, integrada por los Magistrados Nilson Pinilla Pinilla, Humberto Antonio Sierra Porto y Marco Gerardo Monroy Cabra, quien la ...<br \/><div class=\"pt-cv-rmwrap\"><a href=\"https:\/\/www.dmsjuridica.com\/buscador_20179478954\/corteconstitucionalcronologico202454587\/t-392-08\/\" class=\"_self pt-cv-readmore btn btn-success\" target=\"_self\">Ver Sentencia Completa...<\/a><\/div><\/div><\/div><\/div>\n<div class=\"col-md-12 col-sm-12 col-xs-12 pt-cv-content-item pt-cv-1-col\" ><div class='pt-cv-ifield'><a href=\"https:\/\/www.dmsjuridica.com\/buscador_20179478954\/corteconstitucionalcronologico202454587\/t-391-08\/\" class=\"_self pt-cv-href-thumbnail pt-cv-thumb-default\" target=\"_self\" ><\/a>\n<div class=\"pt-cv-taxoterm above_title\"><a href='https:\/\/www.dmsjuridica.com\/buscador_20179478954\/corteconstitucionalcronologico202454587\/category\/buscar-en-toda-la-corte\/2008\/tutelas-2008\/' title='Tutelas 2008' class='pt-cv-tax-tutelas-2008'>Tutelas 2008<\/a><\/div>\n<h4 class=\"pt-cv-title\"><a href=\"https:\/\/www.dmsjuridica.com\/buscador_20179478954\/corteconstitucionalcronologico202454587\/t-391-08\/\" class=\"_self\" target=\"_self\" >T-391-08<\/a><\/h4>\n<div class=\"pt-cv-content\"> ...<br \/><div class=\"pt-cv-rmwrap\"><a href=\"https:\/\/www.dmsjuridica.com\/buscador_20179478954\/corteconstitucionalcronologico202454587\/t-391-08\/\" class=\"_self pt-cv-readmore btn btn-success\" target=\"_self\">Ver Sentencia Completa...<\/a><\/div><\/div><\/div><\/div>\n<div class=\"col-md-12 col-sm-12 col-xs-12 pt-cv-content-item pt-cv-1-col\" ><div class='pt-cv-ifield'><a href=\"https:\/\/www.dmsjuridica.com\/buscador_20179478954\/corteconstitucionalcronologico202454587\/t-390-08\/\" class=\"_self pt-cv-href-thumbnail pt-cv-thumb-default\" target=\"_self\" ><\/a>\n<div class=\"pt-cv-taxoterm above_title\"><a href='https:\/\/www.dmsjuridica.com\/buscador_20179478954\/corteconstitucionalcronologico202454587\/category\/buscar-en-toda-la-corte\/2008\/tutelas-2008\/' title='Tutelas 2008' class='pt-cv-tax-tutelas-2008'>Tutelas 2008<\/a><\/div>\n<h4 class=\"pt-cv-title\"><a href=\"https:\/\/www.dmsjuridica.com\/buscador_20179478954\/corteconstitucionalcronologico202454587\/t-390-08\/\" class=\"_self\" target=\"_self\" >T-390-08<\/a><\/h4>\n<div class=\"pt-cv-content\">\u00a0 \u00a0 Sentencia T-390\/08 \u00a0 DERECHO A LA SALUD DEL NI\u00d1O-Fundamental aut\u00f3nomo \u00a0 DERECHO A LA SALUD DEL MENOR-Pr\u00e1ctica de ex\u00e1menes m\u00e9dicos excluidos del POS \u00a0 DERECHO A LA SALUD DEL MENOR-Pr\u00e1ctica de Ortodoncia \u00a0 Referencia: expediente T-1\u2019653.695 \u00a0 Accionante: Mireya Toloza Cubides en representaci\u00f3n de su hijo Jorge Luis Boh\u00f3rquez Toloza contra la Secretaria de Salud Departamental del Guaviare y otro. \u00a0 Magistrado Ponente:\u00a0 \u00a0 Dr. MARCO GERARDO MONROY CABRA \u00a0 Bogot\u00e1 D.C., veinticuatro (24) de abril de dos mil ocho (2008). \u00a0 La Sala Sexta de la Corte Constitucional, integrada por los Magistrados doctores, Humberto Antonio Sierra Porto, ...<br \/><div class=\"pt-cv-rmwrap\"><a href=\"https:\/\/www.dmsjuridica.com\/buscador_20179478954\/corteconstitucionalcronologico202454587\/t-390-08\/\" class=\"_self pt-cv-readmore btn btn-success\" target=\"_self\">Ver Sentencia Completa...<\/a><\/div><\/div><\/div><\/div>\n<div class=\"col-md-12 col-sm-12 col-xs-12 pt-cv-content-item pt-cv-1-col\" ><div class='pt-cv-ifield'><a href=\"https:\/\/www.dmsjuridica.com\/buscador_20179478954\/corteconstitucionalcronologico202454587\/t-389-08\/\" class=\"_self pt-cv-href-thumbnail pt-cv-thumb-default\" target=\"_self\" ><\/a>\n<div class=\"pt-cv-taxoterm above_title\"><a href='https:\/\/www.dmsjuridica.com\/buscador_20179478954\/corteconstitucionalcronologico202454587\/category\/buscar-en-toda-la-corte\/2008\/tutelas-2008\/' title='Tutelas 2008' class='pt-cv-tax-tutelas-2008'>Tutelas 2008<\/a><\/div>\n<h4 class=\"pt-cv-title\"><a href=\"https:\/\/www.dmsjuridica.com\/buscador_20179478954\/corteconstitucionalcronologico202454587\/t-389-08\/\" class=\"_self\" target=\"_self\" >T-389-08<\/a><\/h4>\n<div class=\"pt-cv-content\"> ...<br \/><div class=\"pt-cv-rmwrap\"><a href=\"https:\/\/www.dmsjuridica.com\/buscador_20179478954\/corteconstitucionalcronologico202454587\/t-389-08\/\" class=\"_self pt-cv-readmore btn btn-success\" target=\"_self\">Ver Sentencia Completa...<\/a><\/div><\/div><\/div><\/div>\n<div class=\"col-md-12 col-sm-12 col-xs-12 pt-cv-content-item pt-cv-1-col\" ><div class='pt-cv-ifield'><a href=\"https:\/\/www.dmsjuridica.com\/buscador_20179478954\/corteconstitucionalcronologico202454587\/t-374-08\/\" class=\"_self pt-cv-href-thumbnail pt-cv-thumb-default\" target=\"_self\" ><\/a>\n<div class=\"pt-cv-taxoterm above_title\"><a href='https:\/\/www.dmsjuridica.com\/buscador_20179478954\/corteconstitucionalcronologico202454587\/category\/buscar-en-toda-la-corte\/2008\/tutelas-2008\/' title='Tutelas 2008' class='pt-cv-tax-tutelas-2008'>Tutelas 2008<\/a><\/div>\n<h4 class=\"pt-cv-title\"><a href=\"https:\/\/www.dmsjuridica.com\/buscador_20179478954\/corteconstitucionalcronologico202454587\/t-374-08\/\" class=\"_self\" target=\"_self\" >T-374-08<\/a><\/h4>\n<div class=\"pt-cv-content\">\u00a0 \u00a0 Sentencia T-374\/08 \u00a0 ACCION DE TUTELA-Hecho superado por cuanto la EPS est\u00e1 suministrando atenci\u00f3n m\u00e9dica para el tratamiento del c\u00e1ncer \u00a0 Referencia: expediente T-1847786 \u00a0 Acci\u00f3n de tutela instaurada por Luz Dary Gonz\u00e1lez Le\u00f3n en contra de Solsalud EPS y la Secretar\u00eda Departamental del Cesar. \u00a0 Magistrado Ponente: \u00a0 Dr. JAIME C\u00d3RDOBA TRIVI\u00d1O \u00a0 Bogot\u00e1, D.C., veintid\u00f3s (22) de abril de dos mil ocho (2008) \u00a0 La Sala Tercera de Revisi\u00f3n de la Corte Constitucional, integrada por los magistrados Jaime C\u00f3rdoba Trivi\u00f1o, Rodrigo Escobar Gil y Mauricio Gonz\u00e1lez Cuervo, en ejercicio de sus competencias constitucionales y legales, ha ...<br \/><div class=\"pt-cv-rmwrap\"><a href=\"https:\/\/www.dmsjuridica.com\/buscador_20179478954\/corteconstitucionalcronologico202454587\/t-374-08\/\" class=\"_self pt-cv-readmore btn btn-success\" target=\"_self\">Ver Sentencia Completa...<\/a><\/div><\/div><\/div><\/div>\n<div class=\"col-md-12 col-sm-12 col-xs-12 pt-cv-content-item pt-cv-1-col\" ><div class='pt-cv-ifield'><a href=\"https:\/\/www.dmsjuridica.com\/buscador_20179478954\/corteconstitucionalcronologico202454587\/t-373-08\/\" class=\"_self pt-cv-href-thumbnail pt-cv-thumb-default\" target=\"_self\" ><\/a>\n<div class=\"pt-cv-taxoterm above_title\"><a href='https:\/\/www.dmsjuridica.com\/buscador_20179478954\/corteconstitucionalcronologico202454587\/category\/buscar-en-toda-la-corte\/2008\/tutelas-2008\/' title='Tutelas 2008' class='pt-cv-tax-tutelas-2008'>Tutelas 2008<\/a><\/div>\n<h4 class=\"pt-cv-title\"><a href=\"https:\/\/www.dmsjuridica.com\/buscador_20179478954\/corteconstitucionalcronologico202454587\/t-373-08\/\" class=\"_self\" target=\"_self\" >T-373-08<\/a><\/h4>\n<div class=\"pt-cv-content\">\u00a0 \u00a0 SENTENCIA T-373\/08 \u00a0 (Abril 18 de 2008) \u00a0 ACCION DE TUTELA CONTRA ACTO ADMINISTRATIVO-Procedencia excepcional \u00a0 ACCION DE TUTELA FRENTE A MEDIO DE DEFENSA JUDICIAL-Procedencia excepcional como mecanismo transitorio para evitar un perjuicio irremediable \u00a0 ACCION DE TUTELA CONTRA ACTO ADMINISTRATIVO-Improcedencia general por existencia de otros mecanismos de defensa judicial \u00a0 ACCION DE TUTELA CONTRA ACTO ADMINISTRATIVO-Procedencia excepcional por existencia de perjuicio irremediable\u00a0 \u00a0 ACCION DE TUTELA CONTRA ACTO DE TRAMITE-Procedencia por cuanto no es susceptible de acci\u00f3n contenciosa \u00a0 ACCION DE TUTELA CONTRA ACTO ADMINISTRATIVO-Modificaci\u00f3n de mesada pensional con base en suspensi\u00f3n provisional que no estaba en ...<br \/><div class=\"pt-cv-rmwrap\"><a href=\"https:\/\/www.dmsjuridica.com\/buscador_20179478954\/corteconstitucionalcronologico202454587\/t-373-08\/\" class=\"_self pt-cv-readmore btn btn-success\" target=\"_self\">Ver Sentencia Completa...<\/a><\/div><\/div><\/div><\/div>\n<div class=\"col-md-12 col-sm-12 col-xs-12 pt-cv-content-item pt-cv-1-col\" ><div class='pt-cv-ifield'><a href=\"https:\/\/www.dmsjuridica.com\/buscador_20179478954\/corteconstitucionalcronologico202454587\/t-372-08\/\" class=\"_self pt-cv-href-thumbnail pt-cv-thumb-default\" target=\"_self\" ><\/a>\n<div class=\"pt-cv-taxoterm above_title\"><a href='https:\/\/www.dmsjuridica.com\/buscador_20179478954\/corteconstitucionalcronologico202454587\/category\/buscar-en-toda-la-corte\/2008\/tutelas-2008\/' title='Tutelas 2008' class='pt-cv-tax-tutelas-2008'>Tutelas 2008<\/a><\/div>\n<h4 class=\"pt-cv-title\"><a href=\"https:\/\/www.dmsjuridica.com\/buscador_20179478954\/corteconstitucionalcronologico202454587\/t-372-08\/\" class=\"_self\" target=\"_self\" >T-372-08<\/a><\/h4>\n<div class=\"pt-cv-content\"> ...<br \/><div class=\"pt-cv-rmwrap\"><a href=\"https:\/\/www.dmsjuridica.com\/buscador_20179478954\/corteconstitucionalcronologico202454587\/t-372-08\/\" class=\"_self pt-cv-readmore btn btn-success\" target=\"_self\">Ver Sentencia Completa...<\/a><\/div><\/div><\/div><\/div>\n<div class=\"col-md-12 col-sm-12 col-xs-12 pt-cv-content-item pt-cv-1-col\" ><div class='pt-cv-ifield'><a href=\"https:\/\/www.dmsjuridica.com\/buscador_20179478954\/corteconstitucionalcronologico202454587\/t-371-08\/\" class=\"_self pt-cv-href-thumbnail pt-cv-thumb-default\" target=\"_self\" ><\/a>\n<div class=\"pt-cv-taxoterm above_title\"><a href='https:\/\/www.dmsjuridica.com\/buscador_20179478954\/corteconstitucionalcronologico202454587\/category\/buscar-en-toda-la-corte\/2008\/tutelas-2008\/' title='Tutelas 2008' class='pt-cv-tax-tutelas-2008'>Tutelas 2008<\/a><\/div>\n<h4 class=\"pt-cv-title\"><a href=\"https:\/\/www.dmsjuridica.com\/buscador_20179478954\/corteconstitucionalcronologico202454587\/t-371-08\/\" class=\"_self\" target=\"_self\" >T-371-08<\/a><\/h4>\n<div class=\"pt-cv-content\">\u00a0 \u00a0 SENTENCIA T-371\/2008 \u00a0 (Abril 18 de 2008)\u00a0 \u00a0 DERECHO A LA SALUD-Inclusi\u00f3n expresa en el POS y POSS de pr\u00f3tesis, \u00f3rtesis y aparatos que tengan como funci\u00f3n mejorar o complementar la capacidad f\u00edsica del paciente \u00a0 ENTIDAD PROMOTORA DE SALUD-Vulneraci\u00f3n del derecho a la salud cuando las entidades prestadoras de los servicios de salud se niegan a suministrar tratamientos, medicamentos y procedimientos incluidos en el POS o POS-S \u00a0 DERECHO A LA SALUD-Se convierte en fundamental aut\u00f3nomo por la negativa de las EPS a suministrar tratamientos y medicamentos incluidos en el POS\u00a0 \u00a0 DERECHO A LA SALUD-Suministro de ...<br \/><div class=\"pt-cv-rmwrap\"><a href=\"https:\/\/www.dmsjuridica.com\/buscador_20179478954\/corteconstitucionalcronologico202454587\/t-371-08\/\" class=\"_self pt-cv-readmore btn btn-success\" target=\"_self\">Ver Sentencia Completa...<\/a><\/div><\/div><\/div><\/div>\n<div class=\"col-md-12 col-sm-12 col-xs-12 pt-cv-content-item pt-cv-1-col\" ><div class='pt-cv-ifield'><a href=\"https:\/\/www.dmsjuridica.com\/buscador_20179478954\/corteconstitucionalcronologico202454587\/t-370-08\/\" class=\"_self pt-cv-href-thumbnail pt-cv-thumb-default\" target=\"_self\" ><\/a>\n<div class=\"pt-cv-taxoterm above_title\"><a href='https:\/\/www.dmsjuridica.com\/buscador_20179478954\/corteconstitucionalcronologico202454587\/category\/buscar-en-toda-la-corte\/2008\/tutelas-2008\/' title='Tutelas 2008' class='pt-cv-tax-tutelas-2008'>Tutelas 2008<\/a><\/div>\n<h4 class=\"pt-cv-title\"><a href=\"https:\/\/www.dmsjuridica.com\/buscador_20179478954\/corteconstitucionalcronologico202454587\/t-370-08\/\" class=\"_self\" target=\"_self\" >T-370-08<\/a><\/h4>\n<div class=\"pt-cv-content\">\u00a0 \u00a0 SENTENCIA T-370\/08 \u00a0 (Abril 18 de 2008) \u00a0 \u00a0 Referencia: Expediente T-1776885 \u00a0 \u00a0 \u00a0 \u00a0 \u00a0 \u00a0 \u00a0 \u00a0 Accionante: Stephanie Cecilia Castellanos Reyes\u00a0 \u00a0 Accionado: COOMEVA E.P.S. \u00a0 Fallo de tutela objeto de revisi\u00f3n: Sentencia de 16 de agosto de 2007, \u00a0Juzgado Octavo Penal del Circuito de Barranquilla que revoc\u00f3 el fallo de 19 de junio de 2007, Juzgado S\u00e9ptimo Penal Municipal de Barranquilla. \u00a0 Magistrados de la Sala Quinta de Revisi\u00f3n: Mauricio Gonz\u00e1lez Cuervo, Marco Gerardo Monroy Cabra y Nilson Pinilla Pinilla. \u00a0 Magistrado Ponente: Mauricio Gonz\u00e1lez Cuervo. \u00a0 I. ANTECEDENTES \u00a0 \u00a0 \u00a0 \u00a0 ...<br \/><div class=\"pt-cv-rmwrap\"><a href=\"https:\/\/www.dmsjuridica.com\/buscador_20179478954\/corteconstitucionalcronologico202454587\/t-370-08\/\" class=\"_self pt-cv-readmore btn btn-success\" target=\"_self\">Ver Sentencia Completa...<\/a><\/div><\/div><\/div><\/div>\n<div class=\"col-md-12 col-sm-12 col-xs-12 pt-cv-content-item pt-cv-1-col\" ><div class='pt-cv-ifield'><a href=\"https:\/\/www.dmsjuridica.com\/buscador_20179478954\/corteconstitucionalcronologico202454587\/t-369-08\/\" class=\"_self pt-cv-href-thumbnail pt-cv-thumb-default\" target=\"_self\" ><\/a>\n<div class=\"pt-cv-taxoterm above_title\"><a href='https:\/\/www.dmsjuridica.com\/buscador_20179478954\/corteconstitucionalcronologico202454587\/category\/buscar-en-toda-la-corte\/2008\/tutelas-2008\/' title='Tutelas 2008' class='pt-cv-tax-tutelas-2008'>Tutelas 2008<\/a><\/div>\n<h4 class=\"pt-cv-title\"><a href=\"https:\/\/www.dmsjuridica.com\/buscador_20179478954\/corteconstitucionalcronologico202454587\/t-369-08\/\" class=\"_self\" target=\"_self\" >T-369-08<\/a><\/h4>\n<div class=\"pt-cv-content\"> ...<br \/><div class=\"pt-cv-rmwrap\"><a href=\"https:\/\/www.dmsjuridica.com\/buscador_20179478954\/corteconstitucionalcronologico202454587\/t-369-08\/\" class=\"_self pt-cv-readmore btn btn-success\" target=\"_self\">Ver Sentencia Completa...<\/a><\/div><\/div><\/div><\/div>\n<div class=\"col-md-12 col-sm-12 col-xs-12 pt-cv-content-item pt-cv-1-col\" ><div class='pt-cv-ifield'><a href=\"https:\/\/www.dmsjuridica.com\/buscador_20179478954\/corteconstitucionalcronologico202454587\/t-368-08\/\" class=\"_self pt-cv-href-thumbnail pt-cv-thumb-default\" target=\"_self\" ><\/a>\n<div class=\"pt-cv-taxoterm above_title\"><a href='https:\/\/www.dmsjuridica.com\/buscador_20179478954\/corteconstitucionalcronologico202454587\/category\/buscar-en-toda-la-corte\/2008\/tutelas-2008\/' title='Tutelas 2008' class='pt-cv-tax-tutelas-2008'>Tutelas 2008<\/a><\/div>\n<h4 class=\"pt-cv-title\"><a href=\"https:\/\/www.dmsjuridica.com\/buscador_20179478954\/corteconstitucionalcronologico202454587\/t-368-08\/\" class=\"_self\" target=\"_self\" >T-368-08<\/a><\/h4>\n<div class=\"pt-cv-content\"> ...<br \/><div class=\"pt-cv-rmwrap\"><a href=\"https:\/\/www.dmsjuridica.com\/buscador_20179478954\/corteconstitucionalcronologico202454587\/t-368-08\/\" class=\"_self pt-cv-readmore btn btn-success\" target=\"_self\">Ver Sentencia Completa...<\/a><\/div><\/div><\/div><\/div>\n<div class=\"col-md-12 col-sm-12 col-xs-12 pt-cv-content-item pt-cv-1-col\" ><div class='pt-cv-ifield'><a href=\"https:\/\/www.dmsjuridica.com\/buscador_20179478954\/corteconstitucionalcronologico202454587\/t-367-08\/\" class=\"_self pt-cv-href-thumbnail pt-cv-thumb-default\" target=\"_self\" ><\/a>\n<div class=\"pt-cv-taxoterm above_title\"><a href='https:\/\/www.dmsjuridica.com\/buscador_20179478954\/corteconstitucionalcronologico202454587\/category\/buscar-en-toda-la-corte\/2008\/tutelas-2008\/' title='Tutelas 2008' class='pt-cv-tax-tutelas-2008'>Tutelas 2008<\/a><\/div>\n<h4 class=\"pt-cv-title\"><a href=\"https:\/\/www.dmsjuridica.com\/buscador_20179478954\/corteconstitucionalcronologico202454587\/t-367-08\/\" class=\"_self\" target=\"_self\" >T-367-08<\/a><\/h4>\n<div class=\"pt-cv-content\"> ...<br \/><div class=\"pt-cv-rmwrap\"><a href=\"https:\/\/www.dmsjuridica.com\/buscador_20179478954\/corteconstitucionalcronologico202454587\/t-367-08\/\" class=\"_self pt-cv-readmore btn btn-success\" target=\"_self\">Ver Sentencia Completa...<\/a><\/div><\/div><\/div><\/div>\n<div class=\"col-md-12 col-sm-12 col-xs-12 pt-cv-content-item pt-cv-1-col\" ><div class='pt-cv-ifield'><a href=\"https:\/\/www.dmsjuridica.com\/buscador_20179478954\/corteconstitucionalcronologico202454587\/t-366-08\/\" class=\"_self pt-cv-href-thumbnail pt-cv-thumb-default\" target=\"_self\" ><\/a>\n<div class=\"pt-cv-taxoterm above_title\"><a href='https:\/\/www.dmsjuridica.com\/buscador_20179478954\/corteconstitucionalcronologico202454587\/category\/buscar-en-toda-la-corte\/2008\/tutelas-2008\/' title='Tutelas 2008' class='pt-cv-tax-tutelas-2008'>Tutelas 2008<\/a><\/div>\n<h4 class=\"pt-cv-title\"><a href=\"https:\/\/www.dmsjuridica.com\/buscador_20179478954\/corteconstitucionalcronologico202454587\/t-366-08\/\" class=\"_self\" target=\"_self\" >T-366-08<\/a><\/h4>\n<div class=\"pt-cv-content\">DERECHO A LA SALUD DEL MENOR-Fundamental aut\u00f3nomo \u00a0 DERECHO A LA SALUD DEL MENOR-Incorpora el derecho al diagn\u00f3stico \u00a0 DERECHO A LA SALUD DEL MENOR-Perteneciente al r\u00e9gimen subsidiado de salud y su familia carece de recursos econ\u00f3micos para costos de transporte y manutenci\u00f3n en otra ciudad \u00a0 DERECHO A LA SALUD DEL MENOR-Realizaci\u00f3n por la ARS de examen de diagn\u00f3stico para determinar el tipo de enfermedad que lo afecta y repetici\u00f3n contra el Fosyga \u00a0 Referencia: expediente T-1828754 \u00a0 Acci\u00f3n de tutela instaurada por Blanca Ruby Bustamante Hoyos contra ARS Cafesalud e Instituto Seccional de Salud del Quind\u00edo. \u00a0 Magistrado ...<br \/><div class=\"pt-cv-rmwrap\"><a href=\"https:\/\/www.dmsjuridica.com\/buscador_20179478954\/corteconstitucionalcronologico202454587\/t-366-08\/\" class=\"_self pt-cv-readmore btn btn-success\" target=\"_self\">Ver Sentencia Completa...<\/a><\/div><\/div><\/div><\/div>\n<div class=\"col-md-12 col-sm-12 col-xs-12 pt-cv-content-item pt-cv-1-col\" ><div class='pt-cv-ifield'><a href=\"https:\/\/www.dmsjuridica.com\/buscador_20179478954\/corteconstitucionalcronologico202454587\/t-365-08\/\" class=\"_self pt-cv-href-thumbnail pt-cv-thumb-default\" target=\"_self\" ><\/a>\n<div class=\"pt-cv-taxoterm above_title\"><a href='https:\/\/www.dmsjuridica.com\/buscador_20179478954\/corteconstitucionalcronologico202454587\/category\/buscar-en-toda-la-corte\/2008\/tutelas-2008\/' title='Tutelas 2008' class='pt-cv-tax-tutelas-2008'>Tutelas 2008<\/a><\/div>\n<h4 class=\"pt-cv-title\"><a href=\"https:\/\/www.dmsjuridica.com\/buscador_20179478954\/corteconstitucionalcronologico202454587\/t-365-08\/\" class=\"_self\" target=\"_self\" >T-365-08<\/a><\/h4>\n<div class=\"pt-cv-content\"> ...<br \/><div class=\"pt-cv-rmwrap\"><a href=\"https:\/\/www.dmsjuridica.com\/buscador_20179478954\/corteconstitucionalcronologico202454587\/t-365-08\/\" class=\"_self pt-cv-readmore btn btn-success\" target=\"_self\">Ver Sentencia Completa...<\/a><\/div><\/div><\/div><\/div>\n<div class=\"col-md-12 col-sm-12 col-xs-12 pt-cv-content-item pt-cv-1-col\" ><div class='pt-cv-ifield'><a href=\"https:\/\/www.dmsjuridica.com\/buscador_20179478954\/corteconstitucionalcronologico202454587\/t-364-08\/\" class=\"_self pt-cv-href-thumbnail pt-cv-thumb-default\" target=\"_self\" ><\/a>\n<div class=\"pt-cv-taxoterm above_title\"><a href='https:\/\/www.dmsjuridica.com\/buscador_20179478954\/corteconstitucionalcronologico202454587\/category\/buscar-en-toda-la-corte\/2008\/tutelas-2008\/' title='Tutelas 2008' class='pt-cv-tax-tutelas-2008'>Tutelas 2008<\/a><\/div>\n<h4 class=\"pt-cv-title\"><a href=\"https:\/\/www.dmsjuridica.com\/buscador_20179478954\/corteconstitucionalcronologico202454587\/t-364-08\/\" class=\"_self\" target=\"_self\" >T-364-08<\/a><\/h4>\n<div class=\"pt-cv-content\"> ...<br \/><div class=\"pt-cv-rmwrap\"><a href=\"https:\/\/www.dmsjuridica.com\/buscador_20179478954\/corteconstitucionalcronologico202454587\/t-364-08\/\" class=\"_self pt-cv-readmore btn btn-success\" target=\"_self\">Ver Sentencia Completa...<\/a><\/div><\/div><\/div><\/div>\n<div class=\"col-md-12 col-sm-12 col-xs-12 pt-cv-content-item pt-cv-1-col\" ><div class='pt-cv-ifield'><a href=\"https:\/\/www.dmsjuridica.com\/buscador_20179478954\/corteconstitucionalcronologico202454587\/t-363-08\/\" class=\"_self pt-cv-href-thumbnail pt-cv-thumb-default\" target=\"_self\" ><\/a>\n<div class=\"pt-cv-taxoterm above_title\"><a href='https:\/\/www.dmsjuridica.com\/buscador_20179478954\/corteconstitucionalcronologico202454587\/category\/buscar-en-toda-la-corte\/2008\/tutelas-2008\/' title='Tutelas 2008' class='pt-cv-tax-tutelas-2008'>Tutelas 2008<\/a><\/div>\n<h4 class=\"pt-cv-title\"><a href=\"https:\/\/www.dmsjuridica.com\/buscador_20179478954\/corteconstitucionalcronologico202454587\/t-363-08\/\" class=\"_self\" target=\"_self\" >T-363-08<\/a><\/h4>\n<div class=\"pt-cv-content\"> ...<br \/><div class=\"pt-cv-rmwrap\"><a href=\"https:\/\/www.dmsjuridica.com\/buscador_20179478954\/corteconstitucionalcronologico202454587\/t-363-08\/\" class=\"_self pt-cv-readmore btn btn-success\" target=\"_self\">Ver Sentencia Completa...<\/a><\/div><\/div><\/div><\/div>\n<div class=\"col-md-12 col-sm-12 col-xs-12 pt-cv-content-item pt-cv-1-col\" ><div class='pt-cv-ifield'><a href=\"https:\/\/www.dmsjuridica.com\/buscador_20179478954\/corteconstitucionalcronologico202454587\/t-362-08\/\" class=\"_self pt-cv-href-thumbnail pt-cv-thumb-default\" target=\"_self\" ><\/a>\n<div class=\"pt-cv-taxoterm above_title\"><a href='https:\/\/www.dmsjuridica.com\/buscador_20179478954\/corteconstitucionalcronologico202454587\/category\/buscar-en-toda-la-corte\/2008\/tutelas-2008\/' title='Tutelas 2008' class='pt-cv-tax-tutelas-2008'>Tutelas 2008<\/a><\/div>\n<h4 class=\"pt-cv-title\"><a href=\"https:\/\/www.dmsjuridica.com\/buscador_20179478954\/corteconstitucionalcronologico202454587\/t-362-08\/\" class=\"_self\" target=\"_self\" >T-362-08<\/a><\/h4>\n<div class=\"pt-cv-content\">\u00a0 \u00a0 Sentencia T-362\/08 \u00a0 DERECHO A LA SEGURIDAD SOCIAL-Naturaleza \u00a0 DERECHO A LA SALUD-Protecci\u00f3n constitucional \u00a0 INAPLICACION DE NORMAS DEL PLAN OBLIGATORIOS DE SALUD-Casos en que procede por exclusi\u00f3n de tratamientos y medicamentos de alto costo \u00a0 INAPLICACION DE NORMAS DEL PLAN OBLIGATORIOS DE SALUD-Cirug\u00eda solicitada no fue prescrita por un m\u00e9dico adscrito a la entidad de salud accionada \u00a0 Referencia: expediente T-1780830. \u00a0 Acci\u00f3n de tutela instaurada por Andr\u00e9s Yesid Pulido Castro, contra Saludcoop EPS, Seccional Bogot\u00e1.\u00a0 \u00a0 Procedencia: Juzgado 16 Penal del Circuito de Bogot\u00e1. \u00a0 Magistrado Ponente:\u00a0 \u00a0 Dr. NILSON PINILLA PINILLA \u00a0 Bogot\u00e1, D. C., ...<br \/><div class=\"pt-cv-rmwrap\"><a href=\"https:\/\/www.dmsjuridica.com\/buscador_20179478954\/corteconstitucionalcronologico202454587\/t-362-08\/\" class=\"_self pt-cv-readmore btn btn-success\" target=\"_self\">Ver Sentencia Completa...<\/a><\/div><\/div><\/div><\/div>\n<div class=\"col-md-12 col-sm-12 col-xs-12 pt-cv-content-item pt-cv-1-col\" ><div class='pt-cv-ifield'><a href=\"https:\/\/www.dmsjuridica.com\/buscador_20179478954\/corteconstitucionalcronologico202454587\/t-361-08\/\" class=\"_self pt-cv-href-thumbnail pt-cv-thumb-default\" target=\"_self\" ><\/a>\n<div class=\"pt-cv-taxoterm above_title\"><a href='https:\/\/www.dmsjuridica.com\/buscador_20179478954\/corteconstitucionalcronologico202454587\/category\/buscar-en-toda-la-corte\/2008\/tutelas-2008\/' title='Tutelas 2008' class='pt-cv-tax-tutelas-2008'>Tutelas 2008<\/a><\/div>\n<h4 class=\"pt-cv-title\"><a href=\"https:\/\/www.dmsjuridica.com\/buscador_20179478954\/corteconstitucionalcronologico202454587\/t-361-08\/\" class=\"_self\" target=\"_self\" >T-361-08<\/a><\/h4>\n<div class=\"pt-cv-content\"> ...<br \/><div class=\"pt-cv-rmwrap\"><a href=\"https:\/\/www.dmsjuridica.com\/buscador_20179478954\/corteconstitucionalcronologico202454587\/t-361-08\/\" class=\"_self pt-cv-readmore btn btn-success\" target=\"_self\">Ver Sentencia Completa...<\/a><\/div><\/div><\/div><\/div>\n<div class=\"col-md-12 col-sm-12 col-xs-12 pt-cv-content-item pt-cv-1-col\" ><div class='pt-cv-ifield'><a href=\"https:\/\/www.dmsjuridica.com\/buscador_20179478954\/corteconstitucionalcronologico202454587\/t-360-08\/\" class=\"_self pt-cv-href-thumbnail pt-cv-thumb-default\" target=\"_self\" ><\/a>\n<div class=\"pt-cv-taxoterm above_title\"><a href='https:\/\/www.dmsjuridica.com\/buscador_20179478954\/corteconstitucionalcronologico202454587\/category\/buscar-en-toda-la-corte\/2008\/tutelas-2008\/' title='Tutelas 2008' class='pt-cv-tax-tutelas-2008'>Tutelas 2008<\/a><\/div>\n<h4 class=\"pt-cv-title\"><a href=\"https:\/\/www.dmsjuridica.com\/buscador_20179478954\/corteconstitucionalcronologico202454587\/t-360-08\/\" class=\"_self\" target=\"_self\" >T-360-08<\/a><\/h4>\n<div class=\"pt-cv-content\">\u00a0 \u00a0 Sentencia T-360\/08 \u00a0 DERECHO A LA EDUCACION-No se vulnera cuando el educando incumple los deberes e irrespeta el manual de convivencia \u00a0 REGLAMENTO EDUCATIVO-Sujeci\u00f3n a la Constituci\u00f3n \u00a0 DERECHO A LA EDUCACION-Cancelaci\u00f3n de matr\u00edcula despu\u00e9s de la instituci\u00f3n educativa \u00a0agotar los procedimientos previamente establecidos \u00a0 Referencia: expediente T-1779384. \u00a0 Acci\u00f3n de tutela instaurada por Martha Betty Carri\u00f3n Acosta en representaci\u00f3n de su hijo menor de edad, Daniel Mauricio Murcia Carri\u00f3n, contra la Unidad Educativa Jean Piaget. \u00a0 Procedencia: Juzgado Veinticinco Civil del Circuito de Bogot\u00e1. \u00a0 Magistrado Ponente:\u00a0 \u00a0 Dr. NILSON PINILLA PINILLA \u00a0 Bogot\u00e1, \u00a0diecisiete (17) de ...<br \/><div class=\"pt-cv-rmwrap\"><a href=\"https:\/\/www.dmsjuridica.com\/buscador_20179478954\/corteconstitucionalcronologico202454587\/t-360-08\/\" class=\"_self pt-cv-readmore btn btn-success\" target=\"_self\">Ver Sentencia Completa...<\/a><\/div><\/div><\/div><\/div>\n<div class=\"col-md-12 col-sm-12 col-xs-12 pt-cv-content-item pt-cv-1-col\" ><div class='pt-cv-ifield'><a href=\"https:\/\/www.dmsjuridica.com\/buscador_20179478954\/corteconstitucionalcronologico202454587\/t-359-08\/\" class=\"_self pt-cv-href-thumbnail pt-cv-thumb-default\" target=\"_self\" ><\/a>\n<div class=\"pt-cv-taxoterm above_title\"><a href='https:\/\/www.dmsjuridica.com\/buscador_20179478954\/corteconstitucionalcronologico202454587\/category\/buscar-en-toda-la-corte\/2008\/tutelas-2008\/' title='Tutelas 2008' class='pt-cv-tax-tutelas-2008'>Tutelas 2008<\/a><\/div>\n<h4 class=\"pt-cv-title\"><a href=\"https:\/\/www.dmsjuridica.com\/buscador_20179478954\/corteconstitucionalcronologico202454587\/t-359-08\/\" class=\"_self\" target=\"_self\" >T-359-08<\/a><\/h4>\n<div class=\"pt-cv-content\">\u00a0 \u00a0 Sentencia T-359\/08 \u00a0 PRINCIPIO DE CONTINUIDAD EN EL SERVICIO PUBLICO DE SALUD-La terminaci\u00f3n del contrato de trabajo no faculta a la EPS para suspender inmediatamente los servicios del afiliado\u00a0 \u00a0 DERECHO A LA CONTINUIDAD EN EL SERVICIO DE SALUD-Deber de garantizarlo hasta alcanzar la plena recuperaci\u00f3n de la salud \u00a0 Referencia: expediente T-1.776.919 \u00a0 Peticionario: V\u00edctor Hugo Pab\u00f3n Gall\u00f3n \u00a0 Procedencia: Juzgado 4\u00b0 Civil del Circuito de Barraquilla \u00a0 Magistrado Ponente:\u00a0 \u00a0 Dr. NILSON PINILLA PINILLA \u00a0 Bogot\u00e1, D.C., diecisiete (17) de abril de dos mil ocho (2008). \u00a0 La Sala S\u00e9ptima de Revisi\u00f3n de la Corte Constitucional, ...<br \/><div class=\"pt-cv-rmwrap\"><a href=\"https:\/\/www.dmsjuridica.com\/buscador_20179478954\/corteconstitucionalcronologico202454587\/t-359-08\/\" class=\"_self pt-cv-readmore btn btn-success\" target=\"_self\">Ver Sentencia Completa...<\/a><\/div><\/div><\/div><\/div>\n<div class=\"col-md-12 col-sm-12 col-xs-12 pt-cv-content-item pt-cv-1-col\" ><div class='pt-cv-ifield'><a href=\"https:\/\/www.dmsjuridica.com\/buscador_20179478954\/corteconstitucionalcronologico202454587\/t-358-08\/\" class=\"_self pt-cv-href-thumbnail pt-cv-thumb-default\" target=\"_self\" ><\/a>\n<div class=\"pt-cv-taxoterm above_title\"><a href='https:\/\/www.dmsjuridica.com\/buscador_20179478954\/corteconstitucionalcronologico202454587\/category\/buscar-en-toda-la-corte\/2008\/tutelas-2008\/' title='Tutelas 2008' class='pt-cv-tax-tutelas-2008'>Tutelas 2008<\/a><\/div>\n<h4 class=\"pt-cv-title\"><a href=\"https:\/\/www.dmsjuridica.com\/buscador_20179478954\/corteconstitucionalcronologico202454587\/t-358-08\/\" class=\"_self\" target=\"_self\" >T-358-08<\/a><\/h4>\n<div class=\"pt-cv-content\"> ...<br \/><div class=\"pt-cv-rmwrap\"><a href=\"https:\/\/www.dmsjuridica.com\/buscador_20179478954\/corteconstitucionalcronologico202454587\/t-358-08\/\" class=\"_self pt-cv-readmore btn btn-success\" target=\"_self\">Ver Sentencia Completa...<\/a><\/div><\/div><\/div><\/div>\n<div class=\"col-md-12 col-sm-12 col-xs-12 pt-cv-content-item pt-cv-1-col\" ><div class='pt-cv-ifield'><a href=\"https:\/\/www.dmsjuridica.com\/buscador_20179478954\/corteconstitucionalcronologico202454587\/t-357-08\/\" class=\"_self pt-cv-href-thumbnail pt-cv-thumb-default\" target=\"_self\" ><\/a>\n<div class=\"pt-cv-taxoterm above_title\"><a href='https:\/\/www.dmsjuridica.com\/buscador_20179478954\/corteconstitucionalcronologico202454587\/category\/buscar-en-toda-la-corte\/2008\/tutelas-2008\/' title='Tutelas 2008' class='pt-cv-tax-tutelas-2008'>Tutelas 2008<\/a><\/div>\n<h4 class=\"pt-cv-title\"><a href=\"https:\/\/www.dmsjuridica.com\/buscador_20179478954\/corteconstitucionalcronologico202454587\/t-357-08\/\" class=\"_self\" target=\"_self\" >T-357-08<\/a><\/h4>\n<div class=\"pt-cv-content\"> ...<br \/><div class=\"pt-cv-rmwrap\"><a href=\"https:\/\/www.dmsjuridica.com\/buscador_20179478954\/corteconstitucionalcronologico202454587\/t-357-08\/\" class=\"_self pt-cv-readmore btn btn-success\" target=\"_self\">Ver Sentencia Completa...<\/a><\/div><\/div><\/div><\/div>\n<div class=\"col-md-12 col-sm-12 col-xs-12 pt-cv-content-item pt-cv-1-col\" ><div class='pt-cv-ifield'><a href=\"https:\/\/www.dmsjuridica.com\/buscador_20179478954\/corteconstitucionalcronologico202454587\/t-356-08\/\" class=\"_self pt-cv-href-thumbnail pt-cv-thumb-default\" target=\"_self\" ><\/a>\n<div class=\"pt-cv-taxoterm above_title\"><a href='https:\/\/www.dmsjuridica.com\/buscador_20179478954\/corteconstitucionalcronologico202454587\/category\/buscar-en-toda-la-corte\/2008\/tutelas-2008\/' title='Tutelas 2008' class='pt-cv-tax-tutelas-2008'>Tutelas 2008<\/a><\/div>\n<h4 class=\"pt-cv-title\"><a href=\"https:\/\/www.dmsjuridica.com\/buscador_20179478954\/corteconstitucionalcronologico202454587\/t-356-08\/\" class=\"_self\" target=\"_self\" >T-356-08<\/a><\/h4>\n<div class=\"pt-cv-content\">\u00a0 \u00a0 Sentencia T-356\/08 \u00a0 EMPLEOS DE LIBRE NOMBRAMIENTO REMOCION-Discrecionalidad del nominador para la vinculaci\u00f3n, permanencia y retiro \u00a0 ACTO ADMINISTRATIVO-Motivaci\u00f3n de la desvinculaci\u00f3n de funcionario que ejerce en provisionalidad cargo de carrera administrativa\u00a0 \u00a0 CARGOS DE CARRERA-Requisito del concurso de m\u00e9ritos \u00a0 SISTEMA DE CARRERA-M\u00e9rito como elemento esencial\/CARRERA ADMINISTRATIVA-Igualdad de oportunidades \u00a0 DEBIDO PROCESO ADMINISTRATIVO-No motivaci\u00f3n acto de retiro del servicio \u00a0 ACCION DE TUTELA-Procedencia en caso de funcionarios de carrera administrativa nombrados en provisionalidad separados del cargo mediante acto sin motivaci\u00f3n \u00a0 ACCION DE TUTELA-Procedencia frente a acto administrativo no motivado \u00a0 Referencia: expediente T-1771881 \u00a0 Acci\u00f3n de ...<br \/><div class=\"pt-cv-rmwrap\"><a href=\"https:\/\/www.dmsjuridica.com\/buscador_20179478954\/corteconstitucionalcronologico202454587\/t-356-08\/\" class=\"_self pt-cv-readmore btn btn-success\" target=\"_self\">Ver Sentencia Completa...<\/a><\/div><\/div><\/div><\/div>\n<div class=\"col-md-12 col-sm-12 col-xs-12 pt-cv-content-item pt-cv-1-col\" ><div class='pt-cv-ifield'><a href=\"https:\/\/www.dmsjuridica.com\/buscador_20179478954\/corteconstitucionalcronologico202454587\/t-355-08\/\" class=\"_self pt-cv-href-thumbnail pt-cv-thumb-default\" target=\"_self\" ><\/a>\n<div class=\"pt-cv-taxoterm above_title\"><a href='https:\/\/www.dmsjuridica.com\/buscador_20179478954\/corteconstitucionalcronologico202454587\/category\/buscar-en-toda-la-corte\/2008\/tutelas-2008\/' title='Tutelas 2008' class='pt-cv-tax-tutelas-2008'>Tutelas 2008<\/a><\/div>\n<h4 class=\"pt-cv-title\"><a href=\"https:\/\/www.dmsjuridica.com\/buscador_20179478954\/corteconstitucionalcronologico202454587\/t-355-08\/\" class=\"_self\" target=\"_self\" >T-355-08<\/a><\/h4>\n<div class=\"pt-cv-content\"> ...<br \/><div class=\"pt-cv-rmwrap\"><a href=\"https:\/\/www.dmsjuridica.com\/buscador_20179478954\/corteconstitucionalcronologico202454587\/t-355-08\/\" class=\"_self pt-cv-readmore btn btn-success\" target=\"_self\">Ver Sentencia Completa...<\/a><\/div><\/div><\/div><\/div>\n<div class=\"col-md-12 col-sm-12 col-xs-12 pt-cv-content-item pt-cv-1-col\" ><div class='pt-cv-ifield'><a href=\"https:\/\/www.dmsjuridica.com\/buscador_20179478954\/corteconstitucionalcronologico202454587\/t-354-08\/\" class=\"_self pt-cv-href-thumbnail pt-cv-thumb-default\" target=\"_self\" ><\/a>\n<div class=\"pt-cv-taxoterm above_title\"><a href='https:\/\/www.dmsjuridica.com\/buscador_20179478954\/corteconstitucionalcronologico202454587\/category\/buscar-en-toda-la-corte\/2008\/tutelas-2008\/' title='Tutelas 2008' class='pt-cv-tax-tutelas-2008'>Tutelas 2008<\/a><\/div>\n<h4 class=\"pt-cv-title\"><a href=\"https:\/\/www.dmsjuridica.com\/buscador_20179478954\/corteconstitucionalcronologico202454587\/t-354-08\/\" class=\"_self\" target=\"_self\" >T-354-08<\/a><\/h4>\n<div class=\"pt-cv-content\"> ...<br \/><div class=\"pt-cv-rmwrap\"><a href=\"https:\/\/www.dmsjuridica.com\/buscador_20179478954\/corteconstitucionalcronologico202454587\/t-354-08\/\" class=\"_self pt-cv-readmore btn btn-success\" target=\"_self\">Ver Sentencia Completa...<\/a><\/div><\/div><\/div><\/div>\n<div class=\"col-md-12 col-sm-12 col-xs-12 pt-cv-content-item pt-cv-1-col\" ><div class='pt-cv-ifield'><a href=\"https:\/\/www.dmsjuridica.com\/buscador_20179478954\/corteconstitucionalcronologico202454587\/t-353-08\/\" class=\"_self pt-cv-href-thumbnail pt-cv-thumb-default\" target=\"_self\" ><\/a>\n<div class=\"pt-cv-taxoterm above_title\"><a href='https:\/\/www.dmsjuridica.com\/buscador_20179478954\/corteconstitucionalcronologico202454587\/category\/buscar-en-toda-la-corte\/2008\/tutelas-2008\/' title='Tutelas 2008' class='pt-cv-tax-tutelas-2008'>Tutelas 2008<\/a><\/div>\n<h4 class=\"pt-cv-title\"><a href=\"https:\/\/www.dmsjuridica.com\/buscador_20179478954\/corteconstitucionalcronologico202454587\/t-353-08\/\" class=\"_self\" target=\"_self\" >T-353-08<\/a><\/h4>\n<div class=\"pt-cv-content\">\u00a0 \u00a0 SENTENCIA T 353\/2008 \u00a0 (Abril 17 de 2008) \u00a0 COOPERATIVAS DE TRABAJO ASOCIADO-Naturaleza jur\u00eddica, definici\u00f3n y caracter\u00edsticas \u00a0 COOPERATIVAS DE TRABAJO ASOCIADO-Facultad para contratar trabajadores no asociados \u00a0 PRINCIPIO DE PRIMACIA DE LA REALIDAD SOBRE FORMALIDADES EN RELACIONES LABORALES-Finalidad \u00a0 COOPERATIVAS DE TRABAJO ASOCIADO-Vinculaci\u00f3n no excluye el surgimiento de una relaci\u00f3n laboral, cuando el cooperado no trabaja directamente para la cooperativa sino para un tercero respecto del cual recibe \u00f3rdenes y cumple horarios \u00a0 DERECHO AL MINIMO VITAL DE EXTRABAJADOR-Pago de salarios y prestaciones sociales \u00a0 \u00a0 Referencia: expediente T-1.775.000 \u00a0 Accionante: Nelson de Jes\u00fas Trujillo Londo\u00f1o. \u00a0 ...<br \/><div class=\"pt-cv-rmwrap\"><a href=\"https:\/\/www.dmsjuridica.com\/buscador_20179478954\/corteconstitucionalcronologico202454587\/t-353-08\/\" class=\"_self pt-cv-readmore btn btn-success\" target=\"_self\">Ver Sentencia Completa...<\/a><\/div><\/div><\/div><\/div>\n<div class=\"col-md-12 col-sm-12 col-xs-12 pt-cv-content-item pt-cv-1-col\" ><div class='pt-cv-ifield'><a href=\"https:\/\/www.dmsjuridica.com\/buscador_20179478954\/corteconstitucionalcronologico202454587\/t-352-08\/\" class=\"_self pt-cv-href-thumbnail pt-cv-thumb-default\" target=\"_self\" ><\/a>\n<div class=\"pt-cv-taxoterm above_title\"><a href='https:\/\/www.dmsjuridica.com\/buscador_20179478954\/corteconstitucionalcronologico202454587\/category\/buscar-en-toda-la-corte\/2008\/tutelas-2008\/' title='Tutelas 2008' class='pt-cv-tax-tutelas-2008'>Tutelas 2008<\/a><\/div>\n<h4 class=\"pt-cv-title\"><a href=\"https:\/\/www.dmsjuridica.com\/buscador_20179478954\/corteconstitucionalcronologico202454587\/t-352-08\/\" class=\"_self\" target=\"_self\" >T-352-08<\/a><\/h4>\n<div class=\"pt-cv-content\">\u00a0 \u00a0 SENTENCIA T-352\/2008 \u00a0 (Abril 17 de 2008) \u00a0 ACCION DE TUTELA CONTRA PARTICULARES-Procedencia \u00a0 DERECHO A LA ESTABILIDAD LABORAL REFORZADA DE MUJER EMBARAZADA-Car\u00e1cter fundamental \u00a0 DERECHO A LA ESTABILIDAD LABORAL REFORZADA DE MUJER EMBARAZADA-Casos en que procede protecci\u00f3n \u00a0 DERECHO AL TRABAJO DE MUJER EMBARAZADA-Despido sin autorizaci\u00f3n previa del funcionario de trabajo \u00a0 MUJER TRABAJADORA EMBARAZADA-Presentaci\u00f3n del hecho notorio \u00a0 ACCION DE TUTELA TRANSITORIA DE MUJER EMBARAZADA-Procedencia \u00a0 ACCION DE TUTELA TRANSITORIA DE MUJER EMBARAZADA-Despido no obedeci\u00f3 a una causal objetiva que justificara tal determinaci\u00f3n \u00a0 Referencia: Expediente T-1.768.347 \u00a0 Accionante: Claudia Castro Botero\u00a0 \u00a0 Accionado: \u00c1lvaro Su\u00e1rez ...<br \/><div class=\"pt-cv-rmwrap\"><a href=\"https:\/\/www.dmsjuridica.com\/buscador_20179478954\/corteconstitucionalcronologico202454587\/t-352-08\/\" class=\"_self pt-cv-readmore btn btn-success\" target=\"_self\">Ver Sentencia Completa...<\/a><\/div><\/div><\/div><\/div>\n<div class=\"col-md-12 col-sm-12 col-xs-12 pt-cv-content-item pt-cv-1-col\" ><div class='pt-cv-ifield'><a href=\"https:\/\/www.dmsjuridica.com\/buscador_20179478954\/corteconstitucionalcronologico202454587\/t-351-08\/\" class=\"_self pt-cv-href-thumbnail pt-cv-thumb-default\" target=\"_self\" ><\/a>\n<div class=\"pt-cv-taxoterm above_title\"><a href='https:\/\/www.dmsjuridica.com\/buscador_20179478954\/corteconstitucionalcronologico202454587\/category\/buscar-en-toda-la-corte\/2008\/tutelas-2008\/' title='Tutelas 2008' class='pt-cv-tax-tutelas-2008'>Tutelas 2008<\/a><\/div>\n<h4 class=\"pt-cv-title\"><a href=\"https:\/\/www.dmsjuridica.com\/buscador_20179478954\/corteconstitucionalcronologico202454587\/t-351-08\/\" class=\"_self\" target=\"_self\" >T-351-08<\/a><\/h4>\n<div class=\"pt-cv-content\"> ...<br \/><div class=\"pt-cv-rmwrap\"><a href=\"https:\/\/www.dmsjuridica.com\/buscador_20179478954\/corteconstitucionalcronologico202454587\/t-351-08\/\" class=\"_self pt-cv-readmore btn btn-success\" target=\"_self\">Ver Sentencia Completa...<\/a><\/div><\/div><\/div><\/div>\n<div class=\"col-md-12 col-sm-12 col-xs-12 pt-cv-content-item pt-cv-1-col\" ><div class='pt-cv-ifield'><a href=\"https:\/\/www.dmsjuridica.com\/buscador_20179478954\/corteconstitucionalcronologico202454587\/t-350-08\/\" class=\"_self pt-cv-href-thumbnail pt-cv-thumb-default\" target=\"_self\" ><\/a>\n<div class=\"pt-cv-taxoterm above_title\"><a href='https:\/\/www.dmsjuridica.com\/buscador_20179478954\/corteconstitucionalcronologico202454587\/category\/buscar-en-toda-la-corte\/2008\/tutelas-2008\/' title='Tutelas 2008' class='pt-cv-tax-tutelas-2008'>Tutelas 2008<\/a><\/div>\n<h4 class=\"pt-cv-title\"><a href=\"https:\/\/www.dmsjuridica.com\/buscador_20179478954\/corteconstitucionalcronologico202454587\/t-350-08\/\" class=\"_self\" target=\"_self\" >T-350-08<\/a><\/h4>\n<div class=\"pt-cv-content\"> ...<br \/><div class=\"pt-cv-rmwrap\"><a href=\"https:\/\/www.dmsjuridica.com\/buscador_20179478954\/corteconstitucionalcronologico202454587\/t-350-08\/\" class=\"_self pt-cv-readmore btn btn-success\" target=\"_self\">Ver Sentencia Completa...<\/a><\/div><\/div><\/div><\/div>\n<div class=\"col-md-12 col-sm-12 col-xs-12 pt-cv-content-item pt-cv-1-col\" ><div class='pt-cv-ifield'><a href=\"https:\/\/www.dmsjuridica.com\/buscador_20179478954\/corteconstitucionalcronologico202454587\/t-349-08\/\" class=\"_self pt-cv-href-thumbnail pt-cv-thumb-default\" target=\"_self\" ><\/a>\n<div class=\"pt-cv-taxoterm above_title\"><a href='https:\/\/www.dmsjuridica.com\/buscador_20179478954\/corteconstitucionalcronologico202454587\/category\/buscar-en-toda-la-corte\/2008\/tutelas-2008\/' title='Tutelas 2008' class='pt-cv-tax-tutelas-2008'>Tutelas 2008<\/a><\/div>\n<h4 class=\"pt-cv-title\"><a href=\"https:\/\/www.dmsjuridica.com\/buscador_20179478954\/corteconstitucionalcronologico202454587\/t-349-08\/\" class=\"_self\" target=\"_self\" >T-349-08<\/a><\/h4>\n<div class=\"pt-cv-content\"> ...<br \/><div class=\"pt-cv-rmwrap\"><a href=\"https:\/\/www.dmsjuridica.com\/buscador_20179478954\/corteconstitucionalcronologico202454587\/t-349-08\/\" class=\"_self pt-cv-readmore btn btn-success\" target=\"_self\">Ver Sentencia Completa...<\/a><\/div><\/div><\/div><\/div>\n<div class=\"col-md-12 col-sm-12 col-xs-12 pt-cv-content-item pt-cv-1-col\" ><div class='pt-cv-ifield'><a href=\"https:\/\/www.dmsjuridica.com\/buscador_20179478954\/corteconstitucionalcronologico202454587\/t-348-08\/\" class=\"_self pt-cv-href-thumbnail pt-cv-thumb-default\" target=\"_self\" ><\/a>\n<div class=\"pt-cv-taxoterm above_title\"><a href='https:\/\/www.dmsjuridica.com\/buscador_20179478954\/corteconstitucionalcronologico202454587\/category\/buscar-en-toda-la-corte\/2008\/tutelas-2008\/' title='Tutelas 2008' class='pt-cv-tax-tutelas-2008'>Tutelas 2008<\/a><\/div>\n<h4 class=\"pt-cv-title\"><a href=\"https:\/\/www.dmsjuridica.com\/buscador_20179478954\/corteconstitucionalcronologico202454587\/t-348-08\/\" class=\"_self\" target=\"_self\" >T-348-08<\/a><\/h4>\n<div class=\"pt-cv-content\"> ...<br \/><div class=\"pt-cv-rmwrap\"><a href=\"https:\/\/www.dmsjuridica.com\/buscador_20179478954\/corteconstitucionalcronologico202454587\/t-348-08\/\" class=\"_self pt-cv-readmore btn btn-success\" target=\"_self\">Ver Sentencia Completa...<\/a><\/div><\/div><\/div><\/div>\n<div class=\"col-md-12 col-sm-12 col-xs-12 pt-cv-content-item pt-cv-1-col\" ><div class='pt-cv-ifield'><a href=\"https:\/\/www.dmsjuridica.com\/buscador_20179478954\/corteconstitucionalcronologico202454587\/t-347-08\/\" class=\"_self pt-cv-href-thumbnail pt-cv-thumb-default\" target=\"_self\" ><\/a>\n<div class=\"pt-cv-taxoterm above_title\"><a href='https:\/\/www.dmsjuridica.com\/buscador_20179478954\/corteconstitucionalcronologico202454587\/category\/buscar-en-toda-la-corte\/2008\/tutelas-2008\/' title='Tutelas 2008' class='pt-cv-tax-tutelas-2008'>Tutelas 2008<\/a><\/div>\n<h4 class=\"pt-cv-title\"><a href=\"https:\/\/www.dmsjuridica.com\/buscador_20179478954\/corteconstitucionalcronologico202454587\/t-347-08\/\" class=\"_self\" target=\"_self\" >T-347-08<\/a><\/h4>\n<div class=\"pt-cv-content\"> ...<br \/><div class=\"pt-cv-rmwrap\"><a href=\"https:\/\/www.dmsjuridica.com\/buscador_20179478954\/corteconstitucionalcronologico202454587\/t-347-08\/\" class=\"_self pt-cv-readmore btn btn-success\" target=\"_self\">Ver Sentencia Completa...<\/a><\/div><\/div><\/div><\/div>\n<div class=\"col-md-12 col-sm-12 col-xs-12 pt-cv-content-item pt-cv-1-col\" ><div class='pt-cv-ifield'><a href=\"https:\/\/www.dmsjuridica.com\/buscador_20179478954\/corteconstitucionalcronologico202454587\/t-346-08\/\" class=\"_self pt-cv-href-thumbnail pt-cv-thumb-default\" target=\"_self\" ><\/a>\n<div class=\"pt-cv-taxoterm above_title\"><a href='https:\/\/www.dmsjuridica.com\/buscador_20179478954\/corteconstitucionalcronologico202454587\/category\/buscar-en-toda-la-corte\/2008\/tutelas-2008\/' title='Tutelas 2008' class='pt-cv-tax-tutelas-2008'>Tutelas 2008<\/a><\/div>\n<h4 class=\"pt-cv-title\"><a href=\"https:\/\/www.dmsjuridica.com\/buscador_20179478954\/corteconstitucionalcronologico202454587\/t-346-08\/\" class=\"_self\" target=\"_self\" >T-346-08<\/a><\/h4>\n<div class=\"pt-cv-content\">\u00a0 \u00a0 Sentencia T-346\/08 \u00a0 RIESGOS PROFESIONALES-Aspectos generales \u00a0 INCAPACIDAD LABORAL-Se suspende ante la declaraci\u00f3n de incapacidad permanente parcial \u00a0 INCAPACIDAD LABORAL-No pago por existir discusi\u00f3n de tipo econ\u00f3mico entre la empresa prestadora de salud y la ARS\/ACCION DE TUTELA-Improcedencia por no existir perjuicio irremediable \u00a0 Referencia: expediente T-1.772.316 \u00a0 Acci\u00f3n de tutela instaurada por Emil Jaramillo Henao en contra de la Aseguradora de Riesgos Profesionales Colmena y la Empresa Promotora de Salud Cruz Blanca. \u00a0 Magistrado Ponente:\u00a0 \u00a0 Dr. JAIME C\u00d3RDOBA TRIVI\u00d1O \u00a0 Bogot\u00e1, D.C., diecisiete (17) de abril de dos mil ocho (2008). \u00a0 La Sala Tercera de ...<br \/><div class=\"pt-cv-rmwrap\"><a href=\"https:\/\/www.dmsjuridica.com\/buscador_20179478954\/corteconstitucionalcronologico202454587\/t-346-08\/\" class=\"_self pt-cv-readmore btn btn-success\" target=\"_self\">Ver Sentencia Completa...<\/a><\/div><\/div><\/div><\/div>\n<div class=\"col-md-12 col-sm-12 col-xs-12 pt-cv-content-item pt-cv-1-col\" ><div class='pt-cv-ifield'><a href=\"https:\/\/www.dmsjuridica.com\/buscador_20179478954\/corteconstitucionalcronologico202454587\/t-345-08\/\" class=\"_self pt-cv-href-thumbnail pt-cv-thumb-default\" target=\"_self\" ><\/a>\n<div class=\"pt-cv-taxoterm above_title\"><a href='https:\/\/www.dmsjuridica.com\/buscador_20179478954\/corteconstitucionalcronologico202454587\/category\/buscar-en-toda-la-corte\/2008\/tutelas-2008\/' title='Tutelas 2008' class='pt-cv-tax-tutelas-2008'>Tutelas 2008<\/a><\/div>\n<h4 class=\"pt-cv-title\"><a href=\"https:\/\/www.dmsjuridica.com\/buscador_20179478954\/corteconstitucionalcronologico202454587\/t-345-08\/\" class=\"_self\" target=\"_self\" >T-345-08<\/a><\/h4>\n<div class=\"pt-cv-content\">\u00a0 \u00a0 Sentencia T-345\/08 \u00a0 DERECHO AL LIBRE DESARROLLO DE LA PERSONALIDAD-Corte de cabello \u00a0 DERECHO AL LIBRE DESARROLLO DE LA PERSONALIDAD-Afectaci\u00f3n por impedir a una persona decidir aut\u00f3nomamente su imagen y la forma en que desea presentarse ante los dem\u00e1s \u00a0 MANUAL DE CONVIVENCIA-Inaplicaci\u00f3n por ser contrario a la Constituci\u00f3n \u00a0 MANUAL DE CONVIVENCIA-Justificaci\u00f3n inaceptable de llevar el cabello corto \u00a0 Referencia: expediente T-1811834 \u00a0 Acci\u00f3n de tutela instaurada por Edgar Carrero L\u00f3pez en representaci\u00f3n del menor Edgar Hern\u00e1n Carrero Rinc\u00f3n, contra la Instituci\u00f3n Educativa INEM Manuel Murillo Toro de la ciudad de Ibagu\u00e9. \u00a0 Magistrado Ponente: \u00a0 Dr ...<br \/><div class=\"pt-cv-rmwrap\"><a href=\"https:\/\/www.dmsjuridica.com\/buscador_20179478954\/corteconstitucionalcronologico202454587\/t-345-08\/\" class=\"_self pt-cv-readmore btn btn-success\" target=\"_self\">Ver Sentencia Completa...<\/a><\/div><\/div><\/div><\/div>\n<div class=\"col-md-12 col-sm-12 col-xs-12 pt-cv-content-item pt-cv-1-col\" ><div class='pt-cv-ifield'><a href=\"https:\/\/www.dmsjuridica.com\/buscador_20179478954\/corteconstitucionalcronologico202454587\/t-344-08\/\" class=\"_self pt-cv-href-thumbnail pt-cv-thumb-default\" target=\"_self\" ><\/a>\n<div class=\"pt-cv-taxoterm above_title\"><a href='https:\/\/www.dmsjuridica.com\/buscador_20179478954\/corteconstitucionalcronologico202454587\/category\/buscar-en-toda-la-corte\/2008\/tutelas-2008\/' title='Tutelas 2008' class='pt-cv-tax-tutelas-2008'>Tutelas 2008<\/a><\/div>\n<h4 class=\"pt-cv-title\"><a href=\"https:\/\/www.dmsjuridica.com\/buscador_20179478954\/corteconstitucionalcronologico202454587\/t-344-08\/\" class=\"_self\" target=\"_self\" >T-344-08<\/a><\/h4>\n<div class=\"pt-cv-content\"> ...<br \/><div class=\"pt-cv-rmwrap\"><a href=\"https:\/\/www.dmsjuridica.com\/buscador_20179478954\/corteconstitucionalcronologico202454587\/t-344-08\/\" class=\"_self pt-cv-readmore btn btn-success\" target=\"_self\">Ver Sentencia Completa...<\/a><\/div><\/div><\/div><\/div>\n<div class=\"col-md-12 col-sm-12 col-xs-12 pt-cv-content-item pt-cv-1-col\" ><div class='pt-cv-ifield'><a href=\"https:\/\/www.dmsjuridica.com\/buscador_20179478954\/corteconstitucionalcronologico202454587\/t-343-08\/\" class=\"_self pt-cv-href-thumbnail pt-cv-thumb-default\" target=\"_self\" ><\/a>\n<div class=\"pt-cv-taxoterm above_title\"><a href='https:\/\/www.dmsjuridica.com\/buscador_20179478954\/corteconstitucionalcronologico202454587\/category\/buscar-en-toda-la-corte\/2008\/tutelas-2008\/' title='Tutelas 2008' class='pt-cv-tax-tutelas-2008'>Tutelas 2008<\/a><\/div>\n<h4 class=\"pt-cv-title\"><a href=\"https:\/\/www.dmsjuridica.com\/buscador_20179478954\/corteconstitucionalcronologico202454587\/t-343-08\/\" class=\"_self\" target=\"_self\" >T-343-08<\/a><\/h4>\n<div class=\"pt-cv-content\"> ...<br \/><div class=\"pt-cv-rmwrap\"><a href=\"https:\/\/www.dmsjuridica.com\/buscador_20179478954\/corteconstitucionalcronologico202454587\/t-343-08\/\" class=\"_self pt-cv-readmore btn btn-success\" target=\"_self\">Ver Sentencia Completa...<\/a><\/div><\/div><\/div><\/div>\n<div class=\"col-md-12 col-sm-12 col-xs-12 pt-cv-content-item pt-cv-1-col\" ><div class='pt-cv-ifield'><a href=\"https:\/\/www.dmsjuridica.com\/buscador_20179478954\/corteconstitucionalcronologico202454587\/t-342-08\/\" class=\"_self pt-cv-href-thumbnail pt-cv-thumb-default\" target=\"_self\" ><\/a>\n<div class=\"pt-cv-taxoterm above_title\"><a href='https:\/\/www.dmsjuridica.com\/buscador_20179478954\/corteconstitucionalcronologico202454587\/category\/buscar-en-toda-la-corte\/2008\/tutelas-2008\/' title='Tutelas 2008' class='pt-cv-tax-tutelas-2008'>Tutelas 2008<\/a><\/div>\n<h4 class=\"pt-cv-title\"><a href=\"https:\/\/www.dmsjuridica.com\/buscador_20179478954\/corteconstitucionalcronologico202454587\/t-342-08\/\" class=\"_self\" target=\"_self\" >T-342-08<\/a><\/h4>\n<div class=\"pt-cv-content\">\u00a0 \u00a0 Sentencia T-342\/08 \u00a0 ACCION DE TUTELA CONTRA PROVIDENCIAS JUDICIALES-Procedencia seg\u00fan Sentencia C-590 de 2005 \u00a0 ACCION DE TUTELA CONTRA PROVIDENCIAS JUDICIALES-Los fallos proferidos al interior del proceso disciplinario no configuraron violaci\u00f3n alguna a los derechos fundamentales del actor \u00a0 CONDENA EN COSTAS-Concepto\/EXPENSAS-Concepto\/AGENCIAS EN DERECHO-Concepto \u00a0 ACCION DE TUTELA CONTRA PROVIDENCIAS JUDICIALES-Improcedencia por inexistencia de defecto sustantivo en la interpretaci\u00f3n del Acuerdo 1887 de 2003 de la Sala Administrativa del Consejo Superior de la Judicatura sobre agencias en derecho \u00a0 Referencia: expediente T-1786929 \u00a0 Acci\u00f3n de tutela instaurada por Gustavo Hern\u00e1ndez Sierra contra el Consejo Superior de la Judicatura ...<br \/><div class=\"pt-cv-rmwrap\"><a href=\"https:\/\/www.dmsjuridica.com\/buscador_20179478954\/corteconstitucionalcronologico202454587\/t-342-08\/\" class=\"_self pt-cv-readmore btn btn-success\" target=\"_self\">Ver Sentencia Completa...<\/a><\/div><\/div><\/div><\/div>\n<div class=\"col-md-12 col-sm-12 col-xs-12 pt-cv-content-item pt-cv-1-col\" ><div class='pt-cv-ifield'><a href=\"https:\/\/www.dmsjuridica.com\/buscador_20179478954\/corteconstitucionalcronologico202454587\/t-341-08\/\" class=\"_self pt-cv-href-thumbnail pt-cv-thumb-default\" target=\"_self\" ><\/a>\n<div class=\"pt-cv-taxoterm above_title\"><a href='https:\/\/www.dmsjuridica.com\/buscador_20179478954\/corteconstitucionalcronologico202454587\/category\/buscar-en-toda-la-corte\/2008\/tutelas-2008\/' title='Tutelas 2008' class='pt-cv-tax-tutelas-2008'>Tutelas 2008<\/a><\/div>\n<h4 class=\"pt-cv-title\"><a href=\"https:\/\/www.dmsjuridica.com\/buscador_20179478954\/corteconstitucionalcronologico202454587\/t-341-08\/\" class=\"_self\" target=\"_self\" >T-341-08<\/a><\/h4>\n<div class=\"pt-cv-content\"> ...<br \/><div class=\"pt-cv-rmwrap\"><a href=\"https:\/\/www.dmsjuridica.com\/buscador_20179478954\/corteconstitucionalcronologico202454587\/t-341-08\/\" class=\"_self pt-cv-readmore btn btn-success\" target=\"_self\">Ver Sentencia Completa...<\/a><\/div><\/div><\/div><\/div>\n<div class=\"col-md-12 col-sm-12 col-xs-12 pt-cv-content-item pt-cv-1-col\" ><div class='pt-cv-ifield'><a href=\"https:\/\/www.dmsjuridica.com\/buscador_20179478954\/corteconstitucionalcronologico202454587\/t-340-08\/\" class=\"_self pt-cv-href-thumbnail pt-cv-thumb-default\" target=\"_self\" ><\/a>\n<div class=\"pt-cv-taxoterm above_title\"><a href='https:\/\/www.dmsjuridica.com\/buscador_20179478954\/corteconstitucionalcronologico202454587\/category\/buscar-en-toda-la-corte\/2008\/tutelas-2008\/' title='Tutelas 2008' class='pt-cv-tax-tutelas-2008'>Tutelas 2008<\/a><\/div>\n<h4 class=\"pt-cv-title\"><a href=\"https:\/\/www.dmsjuridica.com\/buscador_20179478954\/corteconstitucionalcronologico202454587\/t-340-08\/\" class=\"_self\" target=\"_self\" >T-340-08<\/a><\/h4>\n<div class=\"pt-cv-content\">\u00a0 \u00a0 Sentencia T-340\/08 \u00a0 ACCION DE TUTELA CONTRA PARTICULARES-Subordinaci\u00f3n e indefensi\u00f3n \u00a0 DERECHO DE PETICION-Respuesta suficiente, efectiva y congruente \u00a0 Para la Corte, una respuesta es suficiente cuando resuelve materialmente la petici\u00f3n y satisface los requerimientos del solicitante, sin perjuicio de que la \u00a0respuesta sea negativa a las pretensiones del peticionario. Sin embargo, la contestaci\u00f3n ser\u00e1 efectiva, si la respuesta soluciona el caso que se plantea (art\u00edculos 2, 86 y 209 de la C.P.) y congruente si existe coherencia entre lo respondido y lo pedido, de tal manera que la soluci\u00f3n a lo solicitado verse sobre lo preguntado y ...<br \/><div class=\"pt-cv-rmwrap\"><a href=\"https:\/\/www.dmsjuridica.com\/buscador_20179478954\/corteconstitucionalcronologico202454587\/t-340-08\/\" class=\"_self pt-cv-readmore btn btn-success\" target=\"_self\">Ver Sentencia Completa...<\/a><\/div><\/div><\/div><\/div>\n<div class=\"col-md-12 col-sm-12 col-xs-12 pt-cv-content-item pt-cv-1-col\" ><div class='pt-cv-ifield'><a href=\"https:\/\/www.dmsjuridica.com\/buscador_20179478954\/corteconstitucionalcronologico202454587\/t-339-08\/\" class=\"_self pt-cv-href-thumbnail pt-cv-thumb-default\" target=\"_self\" ><\/a>\n<div class=\"pt-cv-taxoterm above_title\"><a href='https:\/\/www.dmsjuridica.com\/buscador_20179478954\/corteconstitucionalcronologico202454587\/category\/buscar-en-toda-la-corte\/2008\/tutelas-2008\/' title='Tutelas 2008' class='pt-cv-tax-tutelas-2008'>Tutelas 2008<\/a><\/div>\n<h4 class=\"pt-cv-title\"><a href=\"https:\/\/www.dmsjuridica.com\/buscador_20179478954\/corteconstitucionalcronologico202454587\/t-339-08\/\" class=\"_self\" target=\"_self\" >T-339-08<\/a><\/h4>\n<div class=\"pt-cv-content\"> ...<br \/><div class=\"pt-cv-rmwrap\"><a href=\"https:\/\/www.dmsjuridica.com\/buscador_20179478954\/corteconstitucionalcronologico202454587\/t-339-08\/\" class=\"_self pt-cv-readmore btn btn-success\" target=\"_self\">Ver Sentencia Completa...<\/a><\/div><\/div><\/div><\/div>\n<div class=\"col-md-12 col-sm-12 col-xs-12 pt-cv-content-item pt-cv-1-col\" ><div class='pt-cv-ifield'><a href=\"https:\/\/www.dmsjuridica.com\/buscador_20179478954\/corteconstitucionalcronologico202454587\/t-338-08\/\" class=\"_self pt-cv-href-thumbnail pt-cv-thumb-default\" target=\"_self\" ><\/a>\n<div class=\"pt-cv-taxoterm above_title\"><a href='https:\/\/www.dmsjuridica.com\/buscador_20179478954\/corteconstitucionalcronologico202454587\/category\/buscar-en-toda-la-corte\/2008\/tutelas-2008\/' title='Tutelas 2008' class='pt-cv-tax-tutelas-2008'>Tutelas 2008<\/a><\/div>\n<h4 class=\"pt-cv-title\"><a href=\"https:\/\/www.dmsjuridica.com\/buscador_20179478954\/corteconstitucionalcronologico202454587\/t-338-08\/\" class=\"_self\" target=\"_self\" >T-338-08<\/a><\/h4>\n<div class=\"pt-cv-content\"> ...<br \/><div class=\"pt-cv-rmwrap\"><a href=\"https:\/\/www.dmsjuridica.com\/buscador_20179478954\/corteconstitucionalcronologico202454587\/t-338-08\/\" class=\"_self pt-cv-readmore btn btn-success\" target=\"_self\">Ver Sentencia Completa...<\/a><\/div><\/div><\/div><\/div>\n<div class=\"col-md-12 col-sm-12 col-xs-12 pt-cv-content-item pt-cv-1-col\" ><div class='pt-cv-ifield'><a href=\"https:\/\/www.dmsjuridica.com\/buscador_20179478954\/corteconstitucionalcronologico202454587\/t-337-08\/\" class=\"_self pt-cv-href-thumbnail pt-cv-thumb-default\" target=\"_self\" ><\/a>\n<div class=\"pt-cv-taxoterm above_title\"><a href='https:\/\/www.dmsjuridica.com\/buscador_20179478954\/corteconstitucionalcronologico202454587\/category\/buscar-en-toda-la-corte\/2008\/tutelas-2008\/' title='Tutelas 2008' class='pt-cv-tax-tutelas-2008'>Tutelas 2008<\/a><\/div>\n<h4 class=\"pt-cv-title\"><a href=\"https:\/\/www.dmsjuridica.com\/buscador_20179478954\/corteconstitucionalcronologico202454587\/t-337-08\/\" class=\"_self\" target=\"_self\" >T-337-08<\/a><\/h4>\n<div class=\"pt-cv-content\"> ...<br \/><div class=\"pt-cv-rmwrap\"><a href=\"https:\/\/www.dmsjuridica.com\/buscador_20179478954\/corteconstitucionalcronologico202454587\/t-337-08\/\" class=\"_self pt-cv-readmore btn btn-success\" target=\"_self\">Ver Sentencia Completa...<\/a><\/div><\/div><\/div><\/div>\n<div class=\"col-md-12 col-sm-12 col-xs-12 pt-cv-content-item pt-cv-1-col\" ><div class='pt-cv-ifield'><a href=\"https:\/\/www.dmsjuridica.com\/buscador_20179478954\/corteconstitucionalcronologico202454587\/t-333-08\/\" class=\"_self pt-cv-href-thumbnail pt-cv-thumb-default\" target=\"_self\" ><\/a>\n<div class=\"pt-cv-taxoterm above_title\"><a href='https:\/\/www.dmsjuridica.com\/buscador_20179478954\/corteconstitucionalcronologico202454587\/category\/buscar-en-toda-la-corte\/2008\/tutelas-2008\/' title='Tutelas 2008' class='pt-cv-tax-tutelas-2008'>Tutelas 2008<\/a><\/div>\n<h4 class=\"pt-cv-title\"><a href=\"https:\/\/www.dmsjuridica.com\/buscador_20179478954\/corteconstitucionalcronologico202454587\/t-333-08\/\" class=\"_self\" target=\"_self\" >T-333-08<\/a><\/h4>\n<div class=\"pt-cv-content\"> ...<br \/><div class=\"pt-cv-rmwrap\"><a href=\"https:\/\/www.dmsjuridica.com\/buscador_20179478954\/corteconstitucionalcronologico202454587\/t-333-08\/\" class=\"_self pt-cv-readmore btn btn-success\" target=\"_self\">Ver Sentencia Completa...<\/a><\/div><\/div><\/div><\/div>\n<div class=\"col-md-12 col-sm-12 col-xs-12 pt-cv-content-item pt-cv-1-col\" ><div class='pt-cv-ifield'><a href=\"https:\/\/www.dmsjuridica.com\/buscador_20179478954\/corteconstitucionalcronologico202454587\/t-332-08\/\" class=\"_self pt-cv-href-thumbnail pt-cv-thumb-default\" target=\"_self\" ><\/a>\n<div class=\"pt-cv-taxoterm above_title\"><a href='https:\/\/www.dmsjuridica.com\/buscador_20179478954\/corteconstitucionalcronologico202454587\/category\/buscar-en-toda-la-corte\/2008\/tutelas-2008\/' title='Tutelas 2008' class='pt-cv-tax-tutelas-2008'>Tutelas 2008<\/a><\/div>\n<h4 class=\"pt-cv-title\"><a href=\"https:\/\/www.dmsjuridica.com\/buscador_20179478954\/corteconstitucionalcronologico202454587\/t-332-08\/\" class=\"_self\" target=\"_self\" >T-332-08<\/a><\/h4>\n<div class=\"pt-cv-content\"> ...<br \/><div class=\"pt-cv-rmwrap\"><a href=\"https:\/\/www.dmsjuridica.com\/buscador_20179478954\/corteconstitucionalcronologico202454587\/t-332-08\/\" class=\"_self pt-cv-readmore btn btn-success\" target=\"_self\">Ver Sentencia Completa...<\/a><\/div><\/div><\/div><\/div>\n<div class=\"col-md-12 col-sm-12 col-xs-12 pt-cv-content-item pt-cv-1-col\" ><div class='pt-cv-ifield'><a href=\"https:\/\/www.dmsjuridica.com\/buscador_20179478954\/corteconstitucionalcronologico202454587\/t-331-08\/\" class=\"_self pt-cv-href-thumbnail pt-cv-thumb-default\" target=\"_self\" ><\/a>\n<div class=\"pt-cv-taxoterm above_title\"><a href='https:\/\/www.dmsjuridica.com\/buscador_20179478954\/corteconstitucionalcronologico202454587\/category\/buscar-en-toda-la-corte\/2008\/tutelas-2008\/' title='Tutelas 2008' class='pt-cv-tax-tutelas-2008'>Tutelas 2008<\/a><\/div>\n<h4 class=\"pt-cv-title\"><a href=\"https:\/\/www.dmsjuridica.com\/buscador_20179478954\/corteconstitucionalcronologico202454587\/t-331-08\/\" class=\"_self\" target=\"_self\" >T-331-08<\/a><\/h4>\n<div class=\"pt-cv-content\">\u00a0 \u00a0 Sentencia T-331\/08 \u00a0 ACCION DE TUTELA TEMERARIA-Reiteraci\u00f3n de jurisprudencia \u00a0 ACCION DE TUTELA TEMERARIA-Inexistencia para el caso \u00a0 ACCION DE TUTELA CONTRA ACTUACIONES DE AUTORIDADES POLICIVAS EN PROCESOS POSESORIOS-Reglas jurisprudenciales para la procedencia excepcional\u00a0 \u00a0 La jurisprudencia de esta Corporaci\u00f3n ha establecido tres (3) reglas que resultan relevantes para la resoluci\u00f3n del asunto bajo examen y que se reiteran en esta sentencia: (i) En primer lugar, ha se\u00f1alado que las decisiones proferidas por las autoridades administrativas o de polic\u00eda en procesos civiles tienen naturaleza jurisdiccional, no administrativa, y por ende est\u00e1n sustra\u00eddas del control de la jurisdicci\u00f3n contencioso ...<br \/><div class=\"pt-cv-rmwrap\"><a href=\"https:\/\/www.dmsjuridica.com\/buscador_20179478954\/corteconstitucionalcronologico202454587\/t-331-08\/\" class=\"_self pt-cv-readmore btn btn-success\" target=\"_self\">Ver Sentencia Completa...<\/a><\/div><\/div><\/div><\/div>\n<div class=\"col-md-12 col-sm-12 col-xs-12 pt-cv-content-item pt-cv-1-col\" ><div class='pt-cv-ifield'><a href=\"https:\/\/www.dmsjuridica.com\/buscador_20179478954\/corteconstitucionalcronologico202454587\/t-330-08\/\" class=\"_self pt-cv-href-thumbnail pt-cv-thumb-default\" target=\"_self\" ><\/a>\n<div class=\"pt-cv-taxoterm above_title\"><a href='https:\/\/www.dmsjuridica.com\/buscador_20179478954\/corteconstitucionalcronologico202454587\/category\/buscar-en-toda-la-corte\/2008\/tutelas-2008\/' title='Tutelas 2008' class='pt-cv-tax-tutelas-2008'>Tutelas 2008<\/a><\/div>\n<h4 class=\"pt-cv-title\"><a href=\"https:\/\/www.dmsjuridica.com\/buscador_20179478954\/corteconstitucionalcronologico202454587\/t-330-08\/\" class=\"_self\" target=\"_self\" >T-330-08<\/a><\/h4>\n<div class=\"pt-cv-content\">\u00a0 \u00a0 Sentencia T-330\/08 \u00a0 ACCION DE TUTELA-Procedencia para el restablecimiento del derecho a la educaci\u00f3n del actor \u00a0 ACCION DE TUTELA-Actualidad \u00a0del derecho del actor a acceder al t\u00edtulo profesional al que aspira\u00a0 \u00a0 En cuanto el actor reclama el restablecimiento de su derecho a la educaci\u00f3n, mediante el otorgamiento del titulo de Contador P\u00fablico, una vez culminados sus estudios y presentadas las valoraciones y pruebas reglamentarias, la acci\u00f3n que se revisa es procedente; porque el reconocimiento de la idoneidad de un profesional de parte del establecimiento que imparti\u00f3 la formaci\u00f3n correspondiente, en cuanto no pierde actualidad, puede darse ...<br \/><div class=\"pt-cv-rmwrap\"><a href=\"https:\/\/www.dmsjuridica.com\/buscador_20179478954\/corteconstitucionalcronologico202454587\/t-330-08\/\" class=\"_self pt-cv-readmore btn btn-success\" target=\"_self\">Ver Sentencia Completa...<\/a><\/div><\/div><\/div><\/div>\n<div class=\"col-md-12 col-sm-12 col-xs-12 pt-cv-content-item pt-cv-1-col\" ><div class='pt-cv-ifield'><a href=\"https:\/\/www.dmsjuridica.com\/buscador_20179478954\/corteconstitucionalcronologico202454587\/t-329-08\/\" class=\"_self pt-cv-href-thumbnail pt-cv-thumb-default\" target=\"_self\" ><\/a>\n<div class=\"pt-cv-taxoterm above_title\"><a href='https:\/\/www.dmsjuridica.com\/buscador_20179478954\/corteconstitucionalcronologico202454587\/category\/buscar-en-toda-la-corte\/2008\/tutelas-2008\/' title='Tutelas 2008' class='pt-cv-tax-tutelas-2008'>Tutelas 2008<\/a><\/div>\n<h4 class=\"pt-cv-title\"><a href=\"https:\/\/www.dmsjuridica.com\/buscador_20179478954\/corteconstitucionalcronologico202454587\/t-329-08\/\" class=\"_self\" target=\"_self\" >T-329-08<\/a><\/h4>\n<div class=\"pt-cv-content\">\u00a0 \u00a0 Sentencia T-329\/08 \u00a0 ACTIVIDAD BANCARIA-L\u00edmites a la autonom\u00eda de la voluntad negocial \u00a0 AUTONOMIA DE LA VOLUNTAD PRIVADA DE ENTIDADES FINANCIERAS-Prestaci\u00f3n de servicios bancarios \u00a0 AUTONOMIA DE LA VOLUNTAD PRIVADA DE ENTIDADES FINANCIERAS-L\u00edmites \u00a0 ENTIDAD FINANCIERA-Causales objetivas y razonables para negar el acceso al sistema financiero o terminar los contratos bancarios \u00a0 ENTIDAD FINANCIERA-Riesgos que hace que se pueda negar el acceso al sistema financiero o terminar los contratos bancarios \u00a0 ENTIDAD FINANCIERA-No permite la apertura de cuenta corriente a empresa \u00a0que tiene como objeto la compra y venta de divisas \u00a0 ENTIDAD FINANCIERA-No permite la apertura de ...<br \/><div class=\"pt-cv-rmwrap\"><a href=\"https:\/\/www.dmsjuridica.com\/buscador_20179478954\/corteconstitucionalcronologico202454587\/t-329-08\/\" class=\"_self pt-cv-readmore btn btn-success\" target=\"_self\">Ver Sentencia Completa...<\/a><\/div><\/div><\/div><\/div>\n<div class=\"col-md-12 col-sm-12 col-xs-12 pt-cv-content-item pt-cv-1-col\" ><div class='pt-cv-ifield'><a href=\"https:\/\/www.dmsjuridica.com\/buscador_20179478954\/corteconstitucionalcronologico202454587\/t-328-08\/\" class=\"_self pt-cv-href-thumbnail pt-cv-thumb-default\" target=\"_self\" ><\/a>\n<div class=\"pt-cv-taxoterm above_title\"><a href='https:\/\/www.dmsjuridica.com\/buscador_20179478954\/corteconstitucionalcronologico202454587\/category\/buscar-en-toda-la-corte\/2008\/tutelas-2008\/' title='Tutelas 2008' class='pt-cv-tax-tutelas-2008'>Tutelas 2008<\/a><\/div>\n<h4 class=\"pt-cv-title\"><a href=\"https:\/\/www.dmsjuridica.com\/buscador_20179478954\/corteconstitucionalcronologico202454587\/t-328-08\/\" class=\"_self\" target=\"_self\" >T-328-08<\/a><\/h4>\n<div class=\"pt-cv-content\">\u00a0 \u00a0 Sentencia T-328\/08 \u00a0 ACCION DE TUTELA-Procedencia excepcional para reconocimiento y pago de acreencias pensionales \u00a0 DERECHO DE PETICION EN MATERIA PENSIONAL-Reiteraci\u00f3n de jurisprudencia \u00a0 DEBIDO PROCESO EN EL TRAMITE ANTE LAS JUNTAS DE CALIFICACION DE INVALIDEZ-Reiteraci\u00f3n de jurisprudencia \u00a0 JUNTA NACIONAL DE CALIFICACION DE INVALIDEZ-No ten\u00eda certeza sobre el diagn\u00f3stico de la enfermedad de la accionante para el reconocimiento de la pensi\u00f3n de invalidez \u00a0 DEBIDO PROCESO ADMINISTRATIVO-Vulneraci\u00f3n por la Junta Nacional de Calificaci\u00f3n de invalidez al no tener en cuenta los ex\u00e1menes que obran en el expediente sobre la enfermedad de la accionante\u00a0 \u00a0 Referencia: expediente T-1800942 ...<br \/><div class=\"pt-cv-rmwrap\"><a href=\"https:\/\/www.dmsjuridica.com\/buscador_20179478954\/corteconstitucionalcronologico202454587\/t-328-08\/\" class=\"_self pt-cv-readmore btn btn-success\" target=\"_self\">Ver Sentencia Completa...<\/a><\/div><\/div><\/div><\/div>\n<div class=\"col-md-12 col-sm-12 col-xs-12 pt-cv-content-item pt-cv-1-col\" ><div class='pt-cv-ifield'><a href=\"https:\/\/www.dmsjuridica.com\/buscador_20179478954\/corteconstitucionalcronologico202454587\/t-327-08\/\" class=\"_self pt-cv-href-thumbnail pt-cv-thumb-default\" target=\"_self\" ><\/a>\n<div class=\"pt-cv-taxoterm above_title\"><a href='https:\/\/www.dmsjuridica.com\/buscador_20179478954\/corteconstitucionalcronologico202454587\/category\/buscar-en-toda-la-corte\/2008\/tutelas-2008\/' title='Tutelas 2008' class='pt-cv-tax-tutelas-2008'>Tutelas 2008<\/a><\/div>\n<h4 class=\"pt-cv-title\"><a href=\"https:\/\/www.dmsjuridica.com\/buscador_20179478954\/corteconstitucionalcronologico202454587\/t-327-08\/\" class=\"_self\" target=\"_self\" >T-327-08<\/a><\/h4>\n<div class=\"pt-cv-content\">\u00a0 \u00a0 Sentencia T-327\/08 \u00a0 ACCION DE TUTELA-Procedencia excepcional para reconocimiento y pago de acreencias laborales \u00a0 ACCION DE TUTELA-Reglas que establecen la procedencia excepcional para reliquidar la mesada pensional \u00a0 ACCION DE TUTELA PARA RELIQUIDACION DE MESADA PENSIONAL-Improcedencia por cuanto el actor no llena los requisitos\u00a0 \u00a0 Referencia: expediente T-1812039 \u00a0 Acci\u00f3n de tutela instaurada por V\u00edctor Julio Higuera Villanueva contra Caja Nacional de Previsi\u00f3n Social \u2013 CAJANAL -\u00a0 \u00a0 Magistrado Ponente: \u00a0 Dr. MANUEL JOS\u00c9 CEPEDA ESPINOSA \u00a0 Bogot\u00e1 D.C., diez (10) de abril de dos mil ocho (2008). \u00a0 La Sala Segunda de Revisi\u00f3n de la Corte ...<br \/><div class=\"pt-cv-rmwrap\"><a href=\"https:\/\/www.dmsjuridica.com\/buscador_20179478954\/corteconstitucionalcronologico202454587\/t-327-08\/\" class=\"_self pt-cv-readmore btn btn-success\" target=\"_self\">Ver Sentencia Completa...<\/a><\/div><\/div><\/div><\/div>\n<div class=\"col-md-12 col-sm-12 col-xs-12 pt-cv-content-item pt-cv-1-col\" ><div class='pt-cv-ifield'><a href=\"https:\/\/www.dmsjuridica.com\/buscador_20179478954\/corteconstitucionalcronologico202454587\/t-326-08\/\" class=\"_self pt-cv-href-thumbnail pt-cv-thumb-default\" target=\"_self\" ><\/a>\n<div class=\"pt-cv-taxoterm above_title\"><a href='https:\/\/www.dmsjuridica.com\/buscador_20179478954\/corteconstitucionalcronologico202454587\/category\/buscar-en-toda-la-corte\/2008\/tutelas-2008\/' title='Tutelas 2008' class='pt-cv-tax-tutelas-2008'>Tutelas 2008<\/a><\/div>\n<h4 class=\"pt-cv-title\"><a href=\"https:\/\/www.dmsjuridica.com\/buscador_20179478954\/corteconstitucionalcronologico202454587\/t-326-08\/\" class=\"_self\" target=\"_self\" >T-326-08<\/a><\/h4>\n<div class=\"pt-cv-content\">\u00a0 \u00a0 Sentencia T-326\/08 \u00a0 DERECHO A LA SALUD-Cirug\u00eda de catarata e implantaci\u00f3n de lente intraocular que est\u00e1 incluido en el POS \u00a0 DERECHO A LA SALUD-Procedimientos o intervenciones del POS deben incluir los insumos necesarios para practicarlos\u00a0 \u00a0 Referencia: expediente T-1815773 \u00a0 Acci\u00f3n de tutela instaurada por Josu\u00e9 Israel L\u00f3pez Bar\u00f3n contra Cafesalud EPS. \u00a0 Magistrado Ponente: \u00a0 Dr. MANUEL JOS\u00c9 CEPEDA ESPINOSA \u00a0 Bogot\u00e1, D.C., diez (10) de abril de dos mil ocho (2008) \u00a0 La Sala Segunda de Revisi\u00f3n de la Corte Constitucional, integrada por los magistrados, Manuel Jos\u00e9 Cepeda Espinosa, Jaime C\u00f3rdoba Trivi\u00f1o y Rodrigo Escobar ...<br \/><div class=\"pt-cv-rmwrap\"><a href=\"https:\/\/www.dmsjuridica.com\/buscador_20179478954\/corteconstitucionalcronologico202454587\/t-326-08\/\" class=\"_self pt-cv-readmore btn btn-success\" target=\"_self\">Ver Sentencia Completa...<\/a><\/div><\/div><\/div><\/div>\n<div class=\"col-md-12 col-sm-12 col-xs-12 pt-cv-content-item pt-cv-1-col\" ><div class='pt-cv-ifield'><a href=\"https:\/\/www.dmsjuridica.com\/buscador_20179478954\/corteconstitucionalcronologico202454587\/t-325-08\/\" class=\"_self pt-cv-href-thumbnail pt-cv-thumb-default\" target=\"_self\" ><\/a>\n<div class=\"pt-cv-taxoterm above_title\"><a href='https:\/\/www.dmsjuridica.com\/buscador_20179478954\/corteconstitucionalcronologico202454587\/category\/buscar-en-toda-la-corte\/2008\/tutelas-2008\/' title='Tutelas 2008' class='pt-cv-tax-tutelas-2008'>Tutelas 2008<\/a><\/div>\n<h4 class=\"pt-cv-title\"><a href=\"https:\/\/www.dmsjuridica.com\/buscador_20179478954\/corteconstitucionalcronologico202454587\/t-325-08\/\" class=\"_self\" target=\"_self\" >T-325-08<\/a><\/h4>\n<div class=\"pt-cv-content\">\u00a0 \u00a0 Sentencia T-325\/08 \u00a0 DERECHO A LA SALUD Y ACCION DE TUTELA-Reiteraci\u00f3n de jurisprudencia sobre su procedencia \u00a0 INAPLICACION DE NORMAS DEL PLAN OBLIGATORIO DE SALUD-Requisitos para acceder a tratamientos y medicamentos de alto costo \u00a0 DERECHO A LA SALUD Y A LA VIDA-Suministro de medicamentos excluidos del POS \u00a0 Referencia: expedientes T-1751368 y T-1776593. \u00a0 Acciones de tutela instauradas por Rebeca de la Hoz de Cueto y Bibiana Garc\u00eda Rojas contra Comparta A.R.S. y Humana Vivir A.R.S respectivamente. \u00a0 Magistrado Ponente: \u00a0 Dr. HUMBERTO ANTONIO SIERRA PORTO \u00a0 Bogot\u00e1 D.C., diez (10) de abril de dos mil ocho ...<br \/><div class=\"pt-cv-rmwrap\"><a href=\"https:\/\/www.dmsjuridica.com\/buscador_20179478954\/corteconstitucionalcronologico202454587\/t-325-08\/\" class=\"_self pt-cv-readmore btn btn-success\" target=\"_self\">Ver Sentencia Completa...<\/a><\/div><\/div><\/div><\/div>\n<div class=\"col-md-12 col-sm-12 col-xs-12 pt-cv-content-item pt-cv-1-col\" ><div class='pt-cv-ifield'><a href=\"https:\/\/www.dmsjuridica.com\/buscador_20179478954\/corteconstitucionalcronologico202454587\/t-324-08\/\" class=\"_self pt-cv-href-thumbnail pt-cv-thumb-default\" target=\"_self\" ><\/a>\n<div class=\"pt-cv-taxoterm above_title\"><a href='https:\/\/www.dmsjuridica.com\/buscador_20179478954\/corteconstitucionalcronologico202454587\/category\/buscar-en-toda-la-corte\/2008\/tutelas-2008\/' title='Tutelas 2008' class='pt-cv-tax-tutelas-2008'>Tutelas 2008<\/a><\/div>\n<h4 class=\"pt-cv-title\"><a href=\"https:\/\/www.dmsjuridica.com\/buscador_20179478954\/corteconstitucionalcronologico202454587\/t-324-08\/\" class=\"_self\" target=\"_self\" >T-324-08<\/a><\/h4>\n<div class=\"pt-cv-content\">\u00a0 \u00a0 \u00a0 \u00a0 Sentencia T-324\/08 \u00a0 DERECHO A LA SALUD DEL NI\u00d1O-Fundamental prevalente\/ \u00a0 INAPLICACION DE NORMAS DEL PLAN OBLIGATORIO DE SALUD-Requisitos para acceder a tratamientos y medicamentos de alto costo \u00a0 DERECHO A LA SALUD-Incorpora el derecho al diagn\u00f3stico \u00a0 DERECHO AL DIAGNOSTICO-Se debe emitir un pronunciamiento m\u00e9dico por parte de un m\u00e9dico adscrito a la empresa de salud que avale o controvierta diagn\u00f3stico realizado por m\u00e9dico externo \u00a0 COMITE TECNICO CIENTIFICO DE ENTIDAD PROMOTORA DE SALUD-No es indispensable su concepto para que el tratamiento o medicamento requerido por el usuario sea otorgado a trav\u00e9s de tutela \u00a0 ...<br \/><div class=\"pt-cv-rmwrap\"><a href=\"https:\/\/www.dmsjuridica.com\/buscador_20179478954\/corteconstitucionalcronologico202454587\/t-324-08\/\" class=\"_self pt-cv-readmore btn btn-success\" target=\"_self\">Ver Sentencia Completa...<\/a><\/div><\/div><\/div><\/div>\n<div class=\"col-md-12 col-sm-12 col-xs-12 pt-cv-content-item pt-cv-1-col\" ><div class='pt-cv-ifield'><a href=\"https:\/\/www.dmsjuridica.com\/buscador_20179478954\/corteconstitucionalcronologico202454587\/t-323-08\/\" class=\"_self pt-cv-href-thumbnail pt-cv-thumb-default\" target=\"_self\" ><\/a>\n<div class=\"pt-cv-taxoterm above_title\"><a href='https:\/\/www.dmsjuridica.com\/buscador_20179478954\/corteconstitucionalcronologico202454587\/category\/buscar-en-toda-la-corte\/2008\/tutelas-2008\/' title='Tutelas 2008' class='pt-cv-tax-tutelas-2008'>Tutelas 2008<\/a><\/div>\n<h4 class=\"pt-cv-title\"><a href=\"https:\/\/www.dmsjuridica.com\/buscador_20179478954\/corteconstitucionalcronologico202454587\/t-323-08\/\" class=\"_self\" target=\"_self\" >T-323-08<\/a><\/h4>\n<div class=\"pt-cv-content\">\u00a0 \u00a0 Sentencia T-323\/08 \u00a0 DERECHO A LA SALUD Y ACCION DE TUTELA-Reiteraci\u00f3n de jurisprudencia sobre su procedencia \u00a0 DERECHO A LA SALUD-Incorpora el derecho al diagn\u00f3stico \u00a0 JUEZ DE TUTELA-Le compete el deber probatorio en aras de la protecci\u00f3n de los derechos fundamentales sometidos a su conocimiento \u00a0 DERECHO A LA SALUD-Vulneraci\u00f3n por el ISS, toda vez que estaba acreditada la necesidad del examen de diagn\u00f3stico y la incapacidad econ\u00f3mica del actor para asumir el costo \u00a0 Referencia: expediente T-1775213 \u00a0 Acci\u00f3n de tutela instaurada por Luis Carlos Bahena Polo Torres contra el Instituto de Seguros Sociales (ISS). \u00a0 ...<br \/><div class=\"pt-cv-rmwrap\"><a href=\"https:\/\/www.dmsjuridica.com\/buscador_20179478954\/corteconstitucionalcronologico202454587\/t-323-08\/\" class=\"_self pt-cv-readmore btn btn-success\" target=\"_self\">Ver Sentencia Completa...<\/a><\/div><\/div><\/div><\/div>\n<div class=\"col-md-12 col-sm-12 col-xs-12 pt-cv-content-item pt-cv-1-col\" ><div class='pt-cv-ifield'><a href=\"https:\/\/www.dmsjuridica.com\/buscador_20179478954\/corteconstitucionalcronologico202454587\/t-322-08\/\" class=\"_self pt-cv-href-thumbnail pt-cv-thumb-default\" target=\"_self\" ><\/a>\n<div class=\"pt-cv-taxoterm above_title\"><a href='https:\/\/www.dmsjuridica.com\/buscador_20179478954\/corteconstitucionalcronologico202454587\/category\/buscar-en-toda-la-corte\/2008\/tutelas-2008\/' title='Tutelas 2008' class='pt-cv-tax-tutelas-2008'>Tutelas 2008<\/a><\/div>\n<h4 class=\"pt-cv-title\"><a href=\"https:\/\/www.dmsjuridica.com\/buscador_20179478954\/corteconstitucionalcronologico202454587\/t-322-08\/\" class=\"_self\" target=\"_self\" >T-322-08<\/a><\/h4>\n<div class=\"pt-cv-content\">\u00a0 \u00a0 Sentencia T-322\/08 \u00a0 ACCION DE TUTELA CONTRA PROVIDENCIAS JUDICIALES-Reiteraci\u00f3n de jurisprudencia sobre requisitos generales y especiales de procedibilidad \u00a0 ACCION DE TUTELA CONTRA PROVIDENCIAS JUDICIALES-Reiteraci\u00f3n de jurisprudencia sobre el requisito de inmediatez \u00a0 ACCION DE TUTELA CONTRA PROVIDENCIAS JUDICIALES-Improcedencia por cuanto el actor dej\u00f3 pasar m\u00e1s de un a\u00f1o para instaurar la acci\u00f3n \u00a0 Referencia: expediente T-1760618 \u00a0 Acci\u00f3n de tutela instaurada por Servando Latorre contra el Consejo de Estado. \u00a0 Magistrado Ponente:\u00a0 \u00a0 Dr. HUMBERTO ANTONIO SIERRA PORTO \u00a0 Bogot\u00e1, D.C., diez (10) de abril de dos mil ocho (2008) \u00a0 La Sala Octava de Revisi\u00f3n de ...<br \/><div class=\"pt-cv-rmwrap\"><a href=\"https:\/\/www.dmsjuridica.com\/buscador_20179478954\/corteconstitucionalcronologico202454587\/t-322-08\/\" class=\"_self pt-cv-readmore btn btn-success\" target=\"_self\">Ver Sentencia Completa...<\/a><\/div><\/div><\/div><\/div>\n<div class=\"col-md-12 col-sm-12 col-xs-12 pt-cv-content-item pt-cv-1-col\" ><div class='pt-cv-ifield'><a href=\"https:\/\/www.dmsjuridica.com\/buscador_20179478954\/corteconstitucionalcronologico202454587\/t-321-08\/\" class=\"_self pt-cv-href-thumbnail pt-cv-thumb-default\" target=\"_self\" ><\/a>\n<div class=\"pt-cv-taxoterm above_title\"><a href='https:\/\/www.dmsjuridica.com\/buscador_20179478954\/corteconstitucionalcronologico202454587\/category\/buscar-en-toda-la-corte\/2008\/tutelas-2008\/' title='Tutelas 2008' class='pt-cv-tax-tutelas-2008'>Tutelas 2008<\/a><\/div>\n<h4 class=\"pt-cv-title\"><a href=\"https:\/\/www.dmsjuridica.com\/buscador_20179478954\/corteconstitucionalcronologico202454587\/t-321-08\/\" class=\"_self\" target=\"_self\" >T-321-08<\/a><\/h4>\n<div class=\"pt-cv-content\">\u00a0 \u00a0 Sentencia T-321\/08 \u00a0 DERECHO A LA SALUD DEL NI\u00d1O-Fundamental prevalente \u00a0 DERECHO A LA VIDA-Concepto y alcance \u00a0 DERECHO A LA VIDA DIGNA-Involucra m\u00e1s elementos que una simple existencia\u00a0 \u00a0 El derecho a la vida digna, involucra m\u00e1s elementos que una simple existencia, pues comporta igualmente una existencia sana y coherente con la condici\u00f3n humana, en la que la salud adquiere especial connotaci\u00f3n, esencialmente cuando la misma ha sido alterada o se encuentra menguada.\u00a0 \u00a0 DERECHO A LA SALUD-Incluye facetas preventiva, reparadora y mitigadora \u00a0 INAPLICACION DE NORMAS DEL PLAN OBLIGATORIO DE SALUD-Requisitos para acceder a tratamientos y ...<br \/><div class=\"pt-cv-rmwrap\"><a href=\"https:\/\/www.dmsjuridica.com\/buscador_20179478954\/corteconstitucionalcronologico202454587\/t-321-08\/\" class=\"_self pt-cv-readmore btn btn-success\" target=\"_self\">Ver Sentencia Completa...<\/a><\/div><\/div><\/div><\/div>\n<div class=\"col-md-12 col-sm-12 col-xs-12 pt-cv-content-item pt-cv-1-col\" ><div class='pt-cv-ifield'><a href=\"https:\/\/www.dmsjuridica.com\/buscador_20179478954\/corteconstitucionalcronologico202454587\/t-320-08\/\" class=\"_self pt-cv-href-thumbnail pt-cv-thumb-default\" target=\"_self\" ><\/a>\n<div class=\"pt-cv-taxoterm above_title\"><a href='https:\/\/www.dmsjuridica.com\/buscador_20179478954\/corteconstitucionalcronologico202454587\/category\/buscar-en-toda-la-corte\/2008\/tutelas-2008\/' title='Tutelas 2008' class='pt-cv-tax-tutelas-2008'>Tutelas 2008<\/a><\/div>\n<h4 class=\"pt-cv-title\"><a href=\"https:\/\/www.dmsjuridica.com\/buscador_20179478954\/corteconstitucionalcronologico202454587\/t-320-08\/\" class=\"_self\" target=\"_self\" >T-320-08<\/a><\/h4>\n<div class=\"pt-cv-content\">\u00a0 \u00a0 Sentencia T-320\/08 \u00a0 ACCION DE TUTELA CONTRA PARTICULARES-Casos en que procede \u00a0 LINEA JURISPRUDENCIAL SOBRE DERECHO A LA IGUALDAD Y DE ASOCIACION \u00a0 DERECHO A LA IGUALDAD-No existi\u00f3 discriminaci\u00f3n de beneficios de los trabajadores de Sintraol\u00edmpica puesto que la empresa ampli\u00f3 el ajuste salarial para todos sean o no sindicalizados \u00a0 DERECHO DE ASOCIACION SINDICAL-No ha sido vulnerado y Sintraol\u00edmpica ha respetado plenamente el ejercicio de ese derecho a sus trabajadores \u00a0 Referencia: expediente T-1781950 \u00a0 Acci\u00f3n de tutela promovida por Luz Marina Vargas Gonz\u00e1lez contra Supertiendas y Droguer\u00edas Ol\u00edmpica S.A. \u00a0 Magistrado Ponente: \u00a0 Dr. MARCO GERARDO ...<br \/><div class=\"pt-cv-rmwrap\"><a href=\"https:\/\/www.dmsjuridica.com\/buscador_20179478954\/corteconstitucionalcronologico202454587\/t-320-08\/\" class=\"_self pt-cv-readmore btn btn-success\" target=\"_self\">Ver Sentencia Completa...<\/a><\/div><\/div><\/div><\/div>\n<div class=\"col-md-12 col-sm-12 col-xs-12 pt-cv-content-item pt-cv-1-col\" ><div class='pt-cv-ifield'><a href=\"https:\/\/www.dmsjuridica.com\/buscador_20179478954\/corteconstitucionalcronologico202454587\/t-319-08\/\" class=\"_self pt-cv-href-thumbnail pt-cv-thumb-default\" target=\"_self\" ><\/a>\n<div class=\"pt-cv-taxoterm above_title\"><a href='https:\/\/www.dmsjuridica.com\/buscador_20179478954\/corteconstitucionalcronologico202454587\/category\/buscar-en-toda-la-corte\/2008\/tutelas-2008\/' title='Tutelas 2008' class='pt-cv-tax-tutelas-2008'>Tutelas 2008<\/a><\/div>\n<h4 class=\"pt-cv-title\"><a href=\"https:\/\/www.dmsjuridica.com\/buscador_20179478954\/corteconstitucionalcronologico202454587\/t-319-08\/\" class=\"_self\" target=\"_self\" >T-319-08<\/a><\/h4>\n<div class=\"pt-cv-content\"> ...<br \/><div class=\"pt-cv-rmwrap\"><a href=\"https:\/\/www.dmsjuridica.com\/buscador_20179478954\/corteconstitucionalcronologico202454587\/t-319-08\/\" class=\"_self pt-cv-readmore btn btn-success\" target=\"_self\">Ver Sentencia Completa...<\/a><\/div><\/div><\/div><\/div>\n<div class=\"col-md-12 col-sm-12 col-xs-12 pt-cv-content-item pt-cv-1-col\" ><div class='pt-cv-ifield'><a href=\"https:\/\/www.dmsjuridica.com\/buscador_20179478954\/corteconstitucionalcronologico202454587\/t-314-08\/\" class=\"_self pt-cv-href-thumbnail pt-cv-thumb-default\" target=\"_self\" ><\/a>\n<div class=\"pt-cv-taxoterm above_title\"><a href='https:\/\/www.dmsjuridica.com\/buscador_20179478954\/corteconstitucionalcronologico202454587\/category\/buscar-en-toda-la-corte\/2008\/tutelas-2008\/' title='Tutelas 2008' class='pt-cv-tax-tutelas-2008'>Tutelas 2008<\/a><\/div>\n<h4 class=\"pt-cv-title\"><a href=\"https:\/\/www.dmsjuridica.com\/buscador_20179478954\/corteconstitucionalcronologico202454587\/t-314-08\/\" class=\"_self\" target=\"_self\" >T-314-08<\/a><\/h4>\n<div class=\"pt-cv-content\">\u00a0 \u00a0 Sentencia T-314\/08 \u00a0 PRESUNCION DE VERACIDAD EN TUTELA-Demandado no rinde informe solicitado por el juez \u00a0 DERECHO DE PETICION EN MATERIA PENSIONAL-T\u00e9rminos para resolver \u00a0 ACCION DE TUTELA-Reiteraci\u00f3n de jurisprudencia sobre la procedencia excepcional para el pago de acreencias laborales \u00a0 SUSPENSION PAGO DE PENSIONES-Debe mediar consentimiento del titular \u00a0 DEBIDO PROCESO Y DERECHOS FUNDAMENTALES-Vulneraci\u00f3n por la suspensi\u00f3n del pago de la pensi\u00f3n de sobrevivientes y la desvinculaci\u00f3n del servicio de salud al actor mayor de edad, discapacitado que requiere di\u00e1lisis permanente \u00a0 ACCION DE TUTELA-Orden al ISS para reactivar el pago de la pensi\u00f3n de sobrevivientes y ...<br \/><div class=\"pt-cv-rmwrap\"><a href=\"https:\/\/www.dmsjuridica.com\/buscador_20179478954\/corteconstitucionalcronologico202454587\/t-314-08\/\" class=\"_self pt-cv-readmore btn btn-success\" target=\"_self\">Ver Sentencia Completa...<\/a><\/div><\/div><\/div><\/div>\n<div class=\"col-md-12 col-sm-12 col-xs-12 pt-cv-content-item pt-cv-1-col\" ><div class='pt-cv-ifield'><a href=\"https:\/\/www.dmsjuridica.com\/buscador_20179478954\/corteconstitucionalcronologico202454587\/t-313-08\/\" class=\"_self pt-cv-href-thumbnail pt-cv-thumb-default\" target=\"_self\" ><\/a>\n<div class=\"pt-cv-taxoterm above_title\"><a href='https:\/\/www.dmsjuridica.com\/buscador_20179478954\/corteconstitucionalcronologico202454587\/category\/buscar-en-toda-la-corte\/2008\/tutelas-2008\/' title='Tutelas 2008' class='pt-cv-tax-tutelas-2008'>Tutelas 2008<\/a><\/div>\n<h4 class=\"pt-cv-title\"><a href=\"https:\/\/www.dmsjuridica.com\/buscador_20179478954\/corteconstitucionalcronologico202454587\/t-313-08\/\" class=\"_self\" target=\"_self\" >T-313-08<\/a><\/h4>\n<div class=\"pt-cv-content\">\u00a0 \u00a0 Sentencia T-313\/08 \u00a0 INDEXACION DE LA PRIMERA MESADA PENSIONAL-Reiteraci\u00f3n de jurisprudencia \u00a0 ACCION DE TUTELA PARA INDEXACION DE LA PRIMERA MESADA PENSIONAL-La Corte no se pronunciar\u00e1 debido a que el actor promovi\u00f3 otra tutela que est\u00e1 cursando actualmente en esta Corporaci\u00f3n \u00a0 ACCION DE TUTELA PARA RELIQUIDACION DE LA MESADA PENSIONAL-Improcedencia por cuanto no est\u00e1 probado que el actor la haya solicitado a la entidad accionada \u00a0 ACCION DE TUTELA-Improcedencia por no vulneraci\u00f3n o amenaza de derechos fundamentales \u00a0 Referencia: expediente T-1.607.039 \u00a0 Accionante: Jos\u00e9 Tom\u00e1s Abril Saboya \u00a0 Demandado:\u00a0 \u00a0 Instituto de Seguros Sociales- Seccional Cundinamarca. \u00a0 ...<br \/><div class=\"pt-cv-rmwrap\"><a href=\"https:\/\/www.dmsjuridica.com\/buscador_20179478954\/corteconstitucionalcronologico202454587\/t-313-08\/\" class=\"_self pt-cv-readmore btn btn-success\" target=\"_self\">Ver Sentencia Completa...<\/a><\/div><\/div><\/div><\/div>\n<div class=\"col-md-12 col-sm-12 col-xs-12 pt-cv-content-item pt-cv-1-col\" ><div class='pt-cv-ifield'><a href=\"https:\/\/www.dmsjuridica.com\/buscador_20179478954\/corteconstitucionalcronologico202454587\/t-312-08\/\" class=\"_self pt-cv-href-thumbnail pt-cv-thumb-default\" target=\"_self\" ><\/a>\n<div class=\"pt-cv-taxoterm above_title\"><a href='https:\/\/www.dmsjuridica.com\/buscador_20179478954\/corteconstitucionalcronologico202454587\/category\/buscar-en-toda-la-corte\/2008\/tutelas-2008\/' title='Tutelas 2008' class='pt-cv-tax-tutelas-2008'>Tutelas 2008<\/a><\/div>\n<h4 class=\"pt-cv-title\"><a href=\"https:\/\/www.dmsjuridica.com\/buscador_20179478954\/corteconstitucionalcronologico202454587\/t-312-08\/\" class=\"_self\" target=\"_self\" >T-312-08<\/a><\/h4>\n<div class=\"pt-cv-content\">\u00a0 \u00a0 Sentencia T-312\/08 \u00a0 LINEA JURISPRUDENCIAL EN LA QUE EXCEPCIONALMENTE UN DERECHO PRESTACIONAL ES SUSCEPTIBLE DE AMPARO POR VIA DE TUTELA\u00a0 \u00a0 La Corte Constitucional ha desarrollado una l\u00ednea jurisprudencial en torno a aquellas ocasiones en las que de forma excepcional un derecho de car\u00e1cter prestacional es susceptible de amparo por v\u00eda de tutela. Al respecto y en l\u00edneas generales se ha dicho:\u201c(\u2026)existen tres situaciones excepcionales en las cuales un derecho prestacional como la salud adquiere rango fundamental y, por consiguiente, es susceptible de protecci\u00f3n por v\u00eda tutelar, \u00e9stas son: (i) si est\u00e1 en conexidad con un derecho fundamental, ...<br \/><div class=\"pt-cv-rmwrap\"><a href=\"https:\/\/www.dmsjuridica.com\/buscador_20179478954\/corteconstitucionalcronologico202454587\/t-312-08\/\" class=\"_self pt-cv-readmore btn btn-success\" target=\"_self\">Ver Sentencia Completa...<\/a><\/div><\/div><\/div><\/div>\n<div class=\"col-md-12 col-sm-12 col-xs-12 pt-cv-content-item pt-cv-1-col\" ><div class='pt-cv-ifield'><a href=\"https:\/\/www.dmsjuridica.com\/buscador_20179478954\/corteconstitucionalcronologico202454587\/t-311-08\/\" class=\"_self pt-cv-href-thumbnail pt-cv-thumb-default\" target=\"_self\" ><\/a>\n<div class=\"pt-cv-taxoterm above_title\"><a href='https:\/\/www.dmsjuridica.com\/buscador_20179478954\/corteconstitucionalcronologico202454587\/category\/buscar-en-toda-la-corte\/2008\/tutelas-2008\/' title='Tutelas 2008' class='pt-cv-tax-tutelas-2008'>Tutelas 2008<\/a><\/div>\n<h4 class=\"pt-cv-title\"><a href=\"https:\/\/www.dmsjuridica.com\/buscador_20179478954\/corteconstitucionalcronologico202454587\/t-311-08\/\" class=\"_self\" target=\"_self\" >T-311-08<\/a><\/h4>\n<div class=\"pt-cv-content\"> ...<br \/><div class=\"pt-cv-rmwrap\"><a href=\"https:\/\/www.dmsjuridica.com\/buscador_20179478954\/corteconstitucionalcronologico202454587\/t-311-08\/\" class=\"_self pt-cv-readmore btn btn-success\" target=\"_self\">Ver Sentencia Completa...<\/a><\/div><\/div><\/div><\/div>\n<div class=\"col-md-12 col-sm-12 col-xs-12 pt-cv-content-item pt-cv-1-col\" ><div class='pt-cv-ifield'><a href=\"https:\/\/www.dmsjuridica.com\/buscador_20179478954\/corteconstitucionalcronologico202454587\/t-310-08\/\" class=\"_self pt-cv-href-thumbnail pt-cv-thumb-default\" target=\"_self\" ><\/a>\n<div class=\"pt-cv-taxoterm above_title\"><a href='https:\/\/www.dmsjuridica.com\/buscador_20179478954\/corteconstitucionalcronologico202454587\/category\/buscar-en-toda-la-corte\/2008\/tutelas-2008\/' title='Tutelas 2008' class='pt-cv-tax-tutelas-2008'>Tutelas 2008<\/a><\/div>\n<h4 class=\"pt-cv-title\"><a href=\"https:\/\/www.dmsjuridica.com\/buscador_20179478954\/corteconstitucionalcronologico202454587\/t-310-08\/\" class=\"_self\" target=\"_self\" >T-310-08<\/a><\/h4>\n<div class=\"pt-cv-content\">\u00a0 \u00a0 Sentencia T-310\/08 \u00a0 (Abril 4 de 2008) \u00a0 ACCION DE TUTELA TEMERARIA-Reiteraci\u00f3n de jurisprudencia \u00a0 ACCION DE TUTELA TEMERARIA-Lineamientos constitucionales que contribuyen a determinar tres situaciones en la temeridad y sus consecuencias \u00a0 ACCION DE TUTELA TEMERARIA-Inexistencia en el caso sub judice \u00a0 ACCION DE TUTELA-Restablecimiento del pago de la mesada pensional que le fue suspendida\u00a0 \u00a0 ACCION DE TUTELA-Hecho superado por cuanto se ha restablecido el pago de la pensi\u00f3n al actor, ya que el aplazamiento y no la suspensi\u00f3n indefinida, obedeci\u00f3 a una situaci\u00f3n administrativa ordenada por la Fiscal\u00eda\u00a0 \u00a0 La Sala encuentra desvirtuada la pretensi\u00f3n ...<br \/><div class=\"pt-cv-rmwrap\"><a href=\"https:\/\/www.dmsjuridica.com\/buscador_20179478954\/corteconstitucionalcronologico202454587\/t-310-08\/\" class=\"_self pt-cv-readmore btn btn-success\" target=\"_self\">Ver Sentencia Completa...<\/a><\/div><\/div><\/div><\/div>\n<div class=\"col-md-12 col-sm-12 col-xs-12 pt-cv-content-item pt-cv-1-col\" ><div class='pt-cv-ifield'><a href=\"https:\/\/www.dmsjuridica.com\/buscador_20179478954\/corteconstitucionalcronologico202454587\/t-309-08\/\" class=\"_self pt-cv-href-thumbnail pt-cv-thumb-default\" target=\"_self\" ><\/a>\n<div class=\"pt-cv-taxoterm above_title\"><a href='https:\/\/www.dmsjuridica.com\/buscador_20179478954\/corteconstitucionalcronologico202454587\/category\/buscar-en-toda-la-corte\/2008\/tutelas-2008\/' title='Tutelas 2008' class='pt-cv-tax-tutelas-2008'>Tutelas 2008<\/a><\/div>\n<h4 class=\"pt-cv-title\"><a href=\"https:\/\/www.dmsjuridica.com\/buscador_20179478954\/corteconstitucionalcronologico202454587\/t-309-08\/\" class=\"_self\" target=\"_self\" >T-309-08<\/a><\/h4>\n<div class=\"pt-cv-content\">\u00a0 \u00a0 Sentencia T-309\/08 \u00a0 (Abril 4 de 2008) \u00a0 ACCION DE TUTELA PARA EL RESTABLECIMIENTO DEL DERECHO DEL MENOR-Procedencia \u00a0 ACCION DE TUTELA DE EMPLEADA DOMESTICA Y MADRE CABEZA DE FAMILIA CON CUATRO HIJOS-Protecci\u00f3n por el ICBF \u00a0 INSTITUTO COLOMBIANO DE BIENESTAR FAMILIAR-Coordinaci\u00f3n de asistencia y apoyo para garantizar el desarrollo arm\u00f3nico de los menores hijos de la peticionaria \u00a0 Referencia: expediente T-1.504.257 \u00a0 Accionante: Nidia Luc\u00eda Pineda Molina. \u00a0 Accionado: Instituto Colombiano de Bienestar Familiar -I.C.B.F.-. \u00a0 Fallo objeto de revisi\u00f3n: sentencia del Juzgado Veintid\u00f3s Civil del Circuito de Bogot\u00e1. \u00a0 Magistrados de la Sala Quinta de Revisi\u00f3n: ...<br \/><div class=\"pt-cv-rmwrap\"><a href=\"https:\/\/www.dmsjuridica.com\/buscador_20179478954\/corteconstitucionalcronologico202454587\/t-309-08\/\" class=\"_self pt-cv-readmore btn btn-success\" target=\"_self\">Ver Sentencia Completa...<\/a><\/div><\/div><\/div><\/div>\n<div class=\"col-md-12 col-sm-12 col-xs-12 pt-cv-content-item pt-cv-1-col\" ><div class='pt-cv-ifield'><a href=\"https:\/\/www.dmsjuridica.com\/buscador_20179478954\/corteconstitucionalcronologico202454587\/t-308-08\/\" class=\"_self pt-cv-href-thumbnail pt-cv-thumb-default\" target=\"_self\" ><\/a>\n<div class=\"pt-cv-taxoterm above_title\"><a href='https:\/\/www.dmsjuridica.com\/buscador_20179478954\/corteconstitucionalcronologico202454587\/category\/buscar-en-toda-la-corte\/2008\/tutelas-2008\/' title='Tutelas 2008' class='pt-cv-tax-tutelas-2008'>Tutelas 2008<\/a><\/div>\n<h4 class=\"pt-cv-title\"><a href=\"https:\/\/www.dmsjuridica.com\/buscador_20179478954\/corteconstitucionalcronologico202454587\/t-308-08\/\" class=\"_self\" target=\"_self\" >T-308-08<\/a><\/h4>\n<div class=\"pt-cv-content\">\u00a0 \u00a0 Sentencia T-308\/08 \u00a0 NOMBRAMIENTO EN PROVISIONALIDAD EN CARGO DE CARRERA ADMINISTRATIVA-Motivaci\u00f3n del acto administrativo de desvinculaci\u00f3n \u00a0 DEBIDO PROCESO Y DERECHO AL TRABAJO-Vulneraci\u00f3n por haberse declarado insubsistente al actor sin motivar el acto administrativo estando en provisionalidad en un cargo de carrera \u00a0 ACCION DE TUTELA-Reintegro de trabajador que se desempe\u00f1aba como celador hasta tanto sea motivado el acto administrativo de desvinculaci\u00f3n \u00a0 Referencia: expediente T-1.756.289 \u00a0 Acci\u00f3n de tutela instaurada por Yodis Alfonso Fontalvo, Fontalvo contra Municipio de Ci\u00e9naga \u00a0 Magistrado Ponente: \u00a0 Dr. HUMBERTO ANTONIO SIERRA PORTO. \u00a0 Bogot\u00e1 D.C., tres (3) de abril de dos ...<br \/><div class=\"pt-cv-rmwrap\"><a href=\"https:\/\/www.dmsjuridica.com\/buscador_20179478954\/corteconstitucionalcronologico202454587\/t-308-08\/\" class=\"_self pt-cv-readmore btn btn-success\" target=\"_self\">Ver Sentencia Completa...<\/a><\/div><\/div><\/div><\/div>\n<div class=\"col-md-12 col-sm-12 col-xs-12 pt-cv-content-item pt-cv-1-col\" ><div class='pt-cv-ifield'><a href=\"https:\/\/www.dmsjuridica.com\/buscador_20179478954\/corteconstitucionalcronologico202454587\/t-307-08\/\" class=\"_self pt-cv-href-thumbnail pt-cv-thumb-default\" target=\"_self\" ><\/a>\n<div class=\"pt-cv-taxoterm above_title\"><a href='https:\/\/www.dmsjuridica.com\/buscador_20179478954\/corteconstitucionalcronologico202454587\/category\/buscar-en-toda-la-corte\/2008\/tutelas-2008\/' title='Tutelas 2008' class='pt-cv-tax-tutelas-2008'>Tutelas 2008<\/a><\/div>\n<h4 class=\"pt-cv-title\"><a href=\"https:\/\/www.dmsjuridica.com\/buscador_20179478954\/corteconstitucionalcronologico202454587\/t-307-08\/\" class=\"_self\" target=\"_self\" >T-307-08<\/a><\/h4>\n<div class=\"pt-cv-content\">\u00a0 \u00a0 Sentencia T-307\/08 \u00a0 PRINCIPIO DE ESTABILIDAD EN EL EMPLEO EN CONTRATO DE TRABAJO-Protecci\u00f3n \u00a0 La protecci\u00f3n a la estabilidad en el empleo respecto de todos los trabajadores, contemplada en el art. 53 de la Constituci\u00f3n Pol\u00edtica, es un principio que rige de manera general las relaciones laborales, lo cual supone que el cumplimiento estricto de las obligaciones propias que demanda el desarrollo del objeto del contrato de trabajo por parte del empleado, redunda en la conservaci\u00f3n de su cargo, salvo que exista un procedimiento previo, o que se verifique alguna de las causales contempladas en la ley para ...<br \/><div class=\"pt-cv-rmwrap\"><a href=\"https:\/\/www.dmsjuridica.com\/buscador_20179478954\/corteconstitucionalcronologico202454587\/t-307-08\/\" class=\"_self pt-cv-readmore btn btn-success\" target=\"_self\">Ver Sentencia Completa...<\/a><\/div><\/div><\/div><\/div>\n<div class=\"col-md-12 col-sm-12 col-xs-12 pt-cv-content-item pt-cv-1-col\" ><div class='pt-cv-ifield'><a href=\"https:\/\/www.dmsjuridica.com\/buscador_20179478954\/corteconstitucionalcronologico202454587\/t-306-08\/\" class=\"_self pt-cv-href-thumbnail pt-cv-thumb-default\" target=\"_self\" ><\/a>\n<div class=\"pt-cv-taxoterm above_title\"><a href='https:\/\/www.dmsjuridica.com\/buscador_20179478954\/corteconstitucionalcronologico202454587\/category\/buscar-en-toda-la-corte\/2008\/tutelas-2008\/' title='Tutelas 2008' class='pt-cv-tax-tutelas-2008'>Tutelas 2008<\/a><\/div>\n<h4 class=\"pt-cv-title\"><a href=\"https:\/\/www.dmsjuridica.com\/buscador_20179478954\/corteconstitucionalcronologico202454587\/t-306-08\/\" class=\"_self\" target=\"_self\" >T-306-08<\/a><\/h4>\n<div class=\"pt-cv-content\"> ...<br \/><div class=\"pt-cv-rmwrap\"><a href=\"https:\/\/www.dmsjuridica.com\/buscador_20179478954\/corteconstitucionalcronologico202454587\/t-306-08\/\" class=\"_self pt-cv-readmore btn btn-success\" target=\"_self\">Ver Sentencia Completa...<\/a><\/div><\/div><\/div><\/div>\n<div class=\"col-md-12 col-sm-12 col-xs-12 pt-cv-content-item pt-cv-1-col\" ><div class='pt-cv-ifield'><a href=\"https:\/\/www.dmsjuridica.com\/buscador_20179478954\/corteconstitucionalcronologico202454587\/t-305-08\/\" class=\"_self pt-cv-href-thumbnail pt-cv-thumb-default\" target=\"_self\" ><\/a>\n<div class=\"pt-cv-taxoterm above_title\"><a href='https:\/\/www.dmsjuridica.com\/buscador_20179478954\/corteconstitucionalcronologico202454587\/category\/buscar-en-toda-la-corte\/2008\/tutelas-2008\/' title='Tutelas 2008' class='pt-cv-tax-tutelas-2008'>Tutelas 2008<\/a><\/div>\n<h4 class=\"pt-cv-title\"><a href=\"https:\/\/www.dmsjuridica.com\/buscador_20179478954\/corteconstitucionalcronologico202454587\/t-305-08\/\" class=\"_self\" target=\"_self\" >T-305-08<\/a><\/h4>\n<div class=\"pt-cv-content\">\u00a0 \u00a0 \u00a0 \u00a0 Sentencia T-305\/08 \u00a0 DERECHO A LA EDUCACION DEL NI\u00d1O-Fundamental \u00a0 DERECHO A LA EDUCACION DEL NI\u00d1O-El grupo de la escuela rural accionada es de 45 estudiantes raz\u00f3n por la cual con un solo docente no puede funcionar \u00a0 ACCION DE TUTELA-Secretar\u00eda de Educaci\u00f3n Municipal deber\u00e1 suministrar el n\u00famero de docentes necesarios para la atenci\u00f3n de la escuela rural \u00a0 Referencia: expediente T-1697013 \u00a0 Acci\u00f3n de tutela instaurada por Lu\u00eds Enrique Valderrama Ortiz, contra la Secretar\u00eda de Educaci\u00f3n Municipal de Ibagu\u00e9. \u00a0 Procedencia: Juzgado 4\u00b0 Penal Municipal de Ibagu\u00e9. \u00a0 Magistrado Ponente:\u00a0 \u00a0 Dr. NILSON PINILLA PINILLA ...<br \/><div class=\"pt-cv-rmwrap\"><a href=\"https:\/\/www.dmsjuridica.com\/buscador_20179478954\/corteconstitucionalcronologico202454587\/t-305-08\/\" class=\"_self pt-cv-readmore btn btn-success\" target=\"_self\">Ver Sentencia Completa...<\/a><\/div><\/div><\/div><\/div>\n<div class=\"col-md-12 col-sm-12 col-xs-12 pt-cv-content-item pt-cv-1-col\" ><div class='pt-cv-ifield'><a href=\"https:\/\/www.dmsjuridica.com\/buscador_20179478954\/corteconstitucionalcronologico202454587\/t-304-08\/\" class=\"_self pt-cv-href-thumbnail pt-cv-thumb-default\" target=\"_self\" ><\/a>\n<div class=\"pt-cv-taxoterm above_title\"><a href='https:\/\/www.dmsjuridica.com\/buscador_20179478954\/corteconstitucionalcronologico202454587\/category\/buscar-en-toda-la-corte\/2008\/tutelas-2008\/' title='Tutelas 2008' class='pt-cv-tax-tutelas-2008'>Tutelas 2008<\/a><\/div>\n<h4 class=\"pt-cv-title\"><a href=\"https:\/\/www.dmsjuridica.com\/buscador_20179478954\/corteconstitucionalcronologico202454587\/t-304-08\/\" class=\"_self\" target=\"_self\" >T-304-08<\/a><\/h4>\n<div class=\"pt-cv-content\">\u00a0 \u00a0 Sentencia T-304\/08 \u00a0 ACCION DE TUTELA-Procedencia excepcional para reconocimiento y pago de pensi\u00f3n de sobrevivientes \u00a0 PENSION DE SOBREVIVIENTES Y DERECHO AL MINIMO VITAL DE PERSONA DE LA TERCERA EDAD-Pago a la accionante de las mesadas no cubiertas y de las futuras por parte del ISS \u00a0 Referencia: expediente T-1769076 \u00a0 Acci\u00f3n de tutela instaurada por la se\u00f1ora Leonor Heredia Mosquera contra el Instituto de Seguro Social, Seccional Antioquia. \u00a0 Procedencia: Juzgado Laboral del Circuito de Turbo, Antioquia. \u00a0 Magistrado Ponente:\u00a0 \u00a0 Dr. NILSON PINILLA PINILLA \u00a0 Bogot\u00e1, D. C., tres (3) de abril de dos mil ocho ...<br \/><div class=\"pt-cv-rmwrap\"><a href=\"https:\/\/www.dmsjuridica.com\/buscador_20179478954\/corteconstitucionalcronologico202454587\/t-304-08\/\" class=\"_self pt-cv-readmore btn btn-success\" target=\"_self\">Ver Sentencia Completa...<\/a><\/div><\/div><\/div><\/div>\n<div class=\"col-md-12 col-sm-12 col-xs-12 pt-cv-content-item pt-cv-1-col\" ><div class='pt-cv-ifield'><a href=\"https:\/\/www.dmsjuridica.com\/buscador_20179478954\/corteconstitucionalcronologico202454587\/t-303-08\/\" class=\"_self pt-cv-href-thumbnail pt-cv-thumb-default\" target=\"_self\" ><\/a>\n<div class=\"pt-cv-taxoterm above_title\"><a href='https:\/\/www.dmsjuridica.com\/buscador_20179478954\/corteconstitucionalcronologico202454587\/category\/buscar-en-toda-la-corte\/2008\/tutelas-2008\/' title='Tutelas 2008' class='pt-cv-tax-tutelas-2008'>Tutelas 2008<\/a><\/div>\n<h4 class=\"pt-cv-title\"><a href=\"https:\/\/www.dmsjuridica.com\/buscador_20179478954\/corteconstitucionalcronologico202454587\/t-303-08\/\" class=\"_self\" target=\"_self\" >T-303-08<\/a><\/h4>\n<div class=\"pt-cv-content\"> ...<br \/><div class=\"pt-cv-rmwrap\"><a href=\"https:\/\/www.dmsjuridica.com\/buscador_20179478954\/corteconstitucionalcronologico202454587\/t-303-08\/\" class=\"_self pt-cv-readmore btn btn-success\" target=\"_self\">Ver Sentencia Completa...<\/a><\/div><\/div><\/div><\/div>\n<div class=\"col-md-12 col-sm-12 col-xs-12 pt-cv-content-item pt-cv-1-col\" ><div class='pt-cv-ifield'><a href=\"https:\/\/www.dmsjuridica.com\/buscador_20179478954\/corteconstitucionalcronologico202454587\/t-302-08\/\" class=\"_self pt-cv-href-thumbnail pt-cv-thumb-default\" target=\"_self\" ><\/a>\n<div class=\"pt-cv-taxoterm above_title\"><a href='https:\/\/www.dmsjuridica.com\/buscador_20179478954\/corteconstitucionalcronologico202454587\/category\/buscar-en-toda-la-corte\/2008\/tutelas-2008\/' title='Tutelas 2008' class='pt-cv-tax-tutelas-2008'>Tutelas 2008<\/a><\/div>\n<h4 class=\"pt-cv-title\"><a href=\"https:\/\/www.dmsjuridica.com\/buscador_20179478954\/corteconstitucionalcronologico202454587\/t-302-08\/\" class=\"_self\" target=\"_self\" >T-302-08<\/a><\/h4>\n<div class=\"pt-cv-content\">\u00a0 \u00a0 Sentencia T-302\/08 \u00a0 VIA DE HECHO-Defecto f\u00e1ctico\/VIA DE HECHO-Adopci\u00f3n de decisi\u00f3n sin motivaci\u00f3n \u00a0 ACCION DE TUTELA CONTRA PROVIDENCIAS JUDICIALES-Procedencia \u00a0 ACCION DE TUTELA CONTRA PROVIDENCIAS JUDICIALES-Causales espec\u00edficas de procedibilidad \u00a0 DEFECTO FACTICO-Dimensi\u00f3n positiva y dimensi\u00f3n negativa \u00a0 JUEZ DE TUTELA-Fundamentos y marco de intervenci\u00f3n en relaci\u00f3n con la posible ocurrencia de un defecto f\u00e1ctico \u00a0 FUNDAMENTO DE LA INTERVENCION DEL JUEZ NATURAL-A pesar de las amplias facultades discrecionales para el an\u00e1lisis probatorio debe actuar de acuerdo con los principios de la sana critica \u00a0 JUEZ DE TUTELA-Intervenci\u00f3n debe ser de car\u00e1cter reducido en relaci\u00f3n con el juez ...<br \/><div class=\"pt-cv-rmwrap\"><a href=\"https:\/\/www.dmsjuridica.com\/buscador_20179478954\/corteconstitucionalcronologico202454587\/t-302-08\/\" class=\"_self pt-cv-readmore btn btn-success\" target=\"_self\">Ver Sentencia Completa...<\/a><\/div><\/div><\/div><\/div>\n<div class=\"col-md-12 col-sm-12 col-xs-12 pt-cv-content-item pt-cv-1-col\" ><div class='pt-cv-ifield'><a href=\"https:\/\/www.dmsjuridica.com\/buscador_20179478954\/corteconstitucionalcronologico202454587\/t-301-08\/\" class=\"_self pt-cv-href-thumbnail pt-cv-thumb-default\" target=\"_self\" ><\/a>\n<div class=\"pt-cv-taxoterm above_title\"><a href='https:\/\/www.dmsjuridica.com\/buscador_20179478954\/corteconstitucionalcronologico202454587\/category\/buscar-en-toda-la-corte\/2008\/tutelas-2008\/' title='Tutelas 2008' class='pt-cv-tax-tutelas-2008'>Tutelas 2008<\/a><\/div>\n<h4 class=\"pt-cv-title\"><a href=\"https:\/\/www.dmsjuridica.com\/buscador_20179478954\/corteconstitucionalcronologico202454587\/t-301-08\/\" class=\"_self\" target=\"_self\" >T-301-08<\/a><\/h4>\n<div class=\"pt-cv-content\">\u00a0 \u00a0 Sentencia T-301\/08 \u00a0 DERECHO A LA SALUD-Atenci\u00f3n prioritaria y pr\u00e1ctica de cirug\u00eda de seno por EPS\u00a0 \u00a0 Referencia: expediente T-1781839 \u00a0 Acci\u00f3n de tutela promovida por Rosalbina L\u00f3pez S\u00e1nchez contra HUMANAVIVIR EPS. \u00a0 Magistrado Ponente: \u00a0 Dr. JAIME C\u00d3RDOBA TRIVI\u00d1O \u00a0 Bogot\u00e1, D.C., tres (3) de abril de dos mil ocho (2008). \u00a0 La Sala Tercera de Revisi\u00f3n de la Corte Constitucional, integrada por los magistrados Jaime C\u00f3rdoba Trivi\u00f1o, Rodrigo Escobar Gil y Mauricio Gonz\u00e1lez Cuervo, en ejercicio de sus competencias constitucionales y legales, ha proferido la siguiente: \u00a0 SENTENCIA \u00a0 Dentro del proceso de revisi\u00f3n del fallo ...<br \/><div class=\"pt-cv-rmwrap\"><a href=\"https:\/\/www.dmsjuridica.com\/buscador_20179478954\/corteconstitucionalcronologico202454587\/t-301-08\/\" class=\"_self pt-cv-readmore btn btn-success\" target=\"_self\">Ver Sentencia Completa...<\/a><\/div><\/div><\/div><\/div>\n<div class=\"col-md-12 col-sm-12 col-xs-12 pt-cv-content-item pt-cv-1-col\" ><div class='pt-cv-ifield'><a href=\"https:\/\/www.dmsjuridica.com\/buscador_20179478954\/corteconstitucionalcronologico202454587\/t-300-08\/\" class=\"_self pt-cv-href-thumbnail pt-cv-thumb-default\" target=\"_self\" ><\/a>\n<div class=\"pt-cv-taxoterm above_title\"><a href='https:\/\/www.dmsjuridica.com\/buscador_20179478954\/corteconstitucionalcronologico202454587\/category\/buscar-en-toda-la-corte\/2008\/tutelas-2008\/' title='Tutelas 2008' class='pt-cv-tax-tutelas-2008'>Tutelas 2008<\/a><\/div>\n<h4 class=\"pt-cv-title\"><a href=\"https:\/\/www.dmsjuridica.com\/buscador_20179478954\/corteconstitucionalcronologico202454587\/t-300-08\/\" class=\"_self\" target=\"_self\" >T-300-08<\/a><\/h4>\n<div class=\"pt-cv-content\">\u00a0 \u00a0 Sentencia T-300\/08 \u00a0 PERSONA DISCAPACITADA-La peticionaria solamente cuenta con la acci\u00f3n de tutela para el restablecimiento de sus derechos constitucionales \u00a0 DERECHO A LA ESTABILIDAD LABORAL REFORZADA DE PERSONA DISCAPACITADA-Protecci\u00f3n\/PROCESO DE REESTRUCTURACION ADMINISTRATIVA-Protecci\u00f3n especial a personas con limitaciones \u00a0 DERECHO A LA IGUALDAD Y DEBIDO PROCESO-Medidas de afirmaci\u00f3n positiva indican que la accionante tiene derecho al reintegro y a desempe\u00f1arse laboralmente en la actividad que ten\u00eda anteriormente\u00a0 \u00a0 DERECHO A LA ESTABILIDAD LABORAL REFORZADA DE PERSONA DISCAPACITADA-Valoraci\u00f3n a cargo de salud ocupacional para determinar si la accionante est\u00e1 en capacidad de reiniciar labores \u00a0 Acci\u00f3n de tutela instaurada ...<br \/><div class=\"pt-cv-rmwrap\"><a href=\"https:\/\/www.dmsjuridica.com\/buscador_20179478954\/corteconstitucionalcronologico202454587\/t-300-08\/\" class=\"_self pt-cv-readmore btn btn-success\" target=\"_self\">Ver Sentencia Completa...<\/a><\/div><\/div><\/div><\/div>\n<div class=\"col-md-12 col-sm-12 col-xs-12 pt-cv-content-item pt-cv-1-col\" ><div class='pt-cv-ifield'><a href=\"https:\/\/www.dmsjuridica.com\/buscador_20179478954\/corteconstitucionalcronologico202454587\/t-299-08\/\" class=\"_self pt-cv-href-thumbnail pt-cv-thumb-default\" target=\"_self\" ><\/a>\n<div class=\"pt-cv-taxoterm above_title\"><a href='https:\/\/www.dmsjuridica.com\/buscador_20179478954\/corteconstitucionalcronologico202454587\/category\/buscar-en-toda-la-corte\/2008\/tutelas-2008\/' title='Tutelas 2008' class='pt-cv-tax-tutelas-2008'>Tutelas 2008<\/a><\/div>\n<h4 class=\"pt-cv-title\"><a href=\"https:\/\/www.dmsjuridica.com\/buscador_20179478954\/corteconstitucionalcronologico202454587\/t-299-08\/\" class=\"_self\" target=\"_self\" >T-299-08<\/a><\/h4>\n<div class=\"pt-cv-content\"> ...<br \/><div class=\"pt-cv-rmwrap\"><a href=\"https:\/\/www.dmsjuridica.com\/buscador_20179478954\/corteconstitucionalcronologico202454587\/t-299-08\/\" class=\"_self pt-cv-readmore btn btn-success\" target=\"_self\">Ver Sentencia Completa...<\/a><\/div><\/div><\/div><\/div>\n<div class=\"col-md-12 col-sm-12 col-xs-12 pt-cv-content-item pt-cv-1-col\" ><div class='pt-cv-ifield'><a href=\"https:\/\/www.dmsjuridica.com\/buscador_20179478954\/corteconstitucionalcronologico202454587\/t-298-08\/\" class=\"_self pt-cv-href-thumbnail pt-cv-thumb-default\" target=\"_self\" ><\/a>\n<div class=\"pt-cv-taxoterm above_title\"><a href='https:\/\/www.dmsjuridica.com\/buscador_20179478954\/corteconstitucionalcronologico202454587\/category\/buscar-en-toda-la-corte\/2008\/tutelas-2008\/' title='Tutelas 2008' class='pt-cv-tax-tutelas-2008'>Tutelas 2008<\/a><\/div>\n<h4 class=\"pt-cv-title\"><a href=\"https:\/\/www.dmsjuridica.com\/buscador_20179478954\/corteconstitucionalcronologico202454587\/t-298-08\/\" class=\"_self\" target=\"_self\" >T-298-08<\/a><\/h4>\n<div class=\"pt-cv-content\">\u00a0 \u00a0 Sentencia T-298\/08 \u00a0 ACCION DE TUTELA-Fallecimiento del actor no exime pronunciamiento de fondo \u00a0 CONSTITUCION POLITICA-Respeto como disposici\u00f3n normativa aplicable a las decisiones de las autoridades y de los particulares \u00a0 REGLAS JURISPRUDENCIALES FIJADAS POR LA CORTE CONSTITUCIONAL-Fuerza vinculante \u00a0 DESCONOCIMIENTO DE LA CONSTITUCION POLITICA-Se presenta cuando el juez de tutela niega medicamentos o tratamientos excluidos del POS, aduciendo que el procedimiento ante el Comit\u00e9 T\u00e9cnico Cient\u00edfico no ha sido agotado \u00a0\u00a0 \u00a0 ACCION DE TUTELA-El a-quo debi\u00f3 verificar si se cumpl\u00edan las reglas fijadas por la Corte Constitucional para la inaplicaci\u00f3n de normas que excluyen servicios o ...<br \/><div class=\"pt-cv-rmwrap\"><a href=\"https:\/\/www.dmsjuridica.com\/buscador_20179478954\/corteconstitucionalcronologico202454587\/t-298-08\/\" class=\"_self pt-cv-readmore btn btn-success\" target=\"_self\">Ver Sentencia Completa...<\/a><\/div><\/div><\/div><\/div>\n<div class=\"col-md-12 col-sm-12 col-xs-12 pt-cv-content-item pt-cv-1-col\" ><div class='pt-cv-ifield'><a href=\"https:\/\/www.dmsjuridica.com\/buscador_20179478954\/corteconstitucionalcronologico202454587\/t-297-08\/\" class=\"_self pt-cv-href-thumbnail pt-cv-thumb-default\" target=\"_self\" ><\/a>\n<div class=\"pt-cv-taxoterm above_title\"><a href='https:\/\/www.dmsjuridica.com\/buscador_20179478954\/corteconstitucionalcronologico202454587\/category\/buscar-en-toda-la-corte\/2008\/tutelas-2008\/' title='Tutelas 2008' class='pt-cv-tax-tutelas-2008'>Tutelas 2008<\/a><\/div>\n<h4 class=\"pt-cv-title\"><a href=\"https:\/\/www.dmsjuridica.com\/buscador_20179478954\/corteconstitucionalcronologico202454587\/t-297-08\/\" class=\"_self\" target=\"_self\" >T-297-08<\/a><\/h4>\n<div class=\"pt-cv-content\">\u00a0 \u00a0 Sentencia T-297\/08 \u00a0 POBLACION DESPLAZADA-Protecci\u00f3n constitucional \u00a0 DESPLAZAMIENTO FORZADO-Evoluci\u00f3n legal e institucional \u00a0 POBLACION DESPLAZADA-Temporalidad de la ayuda humanitaria de emergencia no puede tener un l\u00edmite estricto \u00a0 POBLACION DESPLAZADA-Pr\u00f3rroga en la ayuda humanitaria de emergencia\/ACCION SOCIAL-Obligaci\u00f3n de verificar la situaci\u00f3n particular de la accionante para corroborar las condiciones de vulnerabilidad generadas como consecuencia del desplazamiento \u00a0 Referencia: expediente T-1728000 \u00a0 Acci\u00f3n de tutela instaurada por Maria del Carmen Flori\u00e1n Sanmart\u00edn contra la Agencia Presidencial para la Acci\u00f3n Social y de Cooperaci\u00f3n Internacional \u2013Unidad Territorial Meta y Direcci\u00f3n Nacional-.\u00a0 \u00a0 Magistrada Ponente: \u00a0 Dra. CLARA IN\u00c9S VARGAS HERN\u00c1NDEZ ...<br \/><div class=\"pt-cv-rmwrap\"><a href=\"https:\/\/www.dmsjuridica.com\/buscador_20179478954\/corteconstitucionalcronologico202454587\/t-297-08\/\" class=\"_self pt-cv-readmore btn btn-success\" target=\"_self\">Ver Sentencia Completa...<\/a><\/div><\/div><\/div><\/div>\n<div class=\"col-md-12 col-sm-12 col-xs-12 pt-cv-content-item pt-cv-1-col\" ><div class='pt-cv-ifield'><a href=\"https:\/\/www.dmsjuridica.com\/buscador_20179478954\/corteconstitucionalcronologico202454587\/t-296-08\/\" class=\"_self pt-cv-href-thumbnail pt-cv-thumb-default\" target=\"_self\" ><\/a>\n<div class=\"pt-cv-taxoterm above_title\"><a href='https:\/\/www.dmsjuridica.com\/buscador_20179478954\/corteconstitucionalcronologico202454587\/category\/buscar-en-toda-la-corte\/2008\/tutelas-2008\/' title='Tutelas 2008' class='pt-cv-tax-tutelas-2008'>Tutelas 2008<\/a><\/div>\n<h4 class=\"pt-cv-title\"><a href=\"https:\/\/www.dmsjuridica.com\/buscador_20179478954\/corteconstitucionalcronologico202454587\/t-296-08\/\" class=\"_self\" target=\"_self\" >T-296-08<\/a><\/h4>\n<div class=\"pt-cv-content\"> ...<br \/><div class=\"pt-cv-rmwrap\"><a href=\"https:\/\/www.dmsjuridica.com\/buscador_20179478954\/corteconstitucionalcronologico202454587\/t-296-08\/\" class=\"_self pt-cv-readmore btn btn-success\" target=\"_self\">Ver Sentencia Completa...<\/a><\/div><\/div><\/div><\/div>\n<div class=\"col-md-12 col-sm-12 col-xs-12 pt-cv-content-item pt-cv-1-col\" ><div class='pt-cv-ifield'><a href=\"https:\/\/www.dmsjuridica.com\/buscador_20179478954\/corteconstitucionalcronologico202454587\/t-295-08\/\" class=\"_self pt-cv-href-thumbnail pt-cv-thumb-default\" target=\"_self\" ><\/a>\n<div class=\"pt-cv-taxoterm above_title\"><a href='https:\/\/www.dmsjuridica.com\/buscador_20179478954\/corteconstitucionalcronologico202454587\/category\/buscar-en-toda-la-corte\/2008\/tutelas-2008\/' title='Tutelas 2008' class='pt-cv-tax-tutelas-2008'>Tutelas 2008<\/a><\/div>\n<h4 class=\"pt-cv-title\"><a href=\"https:\/\/www.dmsjuridica.com\/buscador_20179478954\/corteconstitucionalcronologico202454587\/t-295-08\/\" class=\"_self\" target=\"_self\" >T-295-08<\/a><\/h4>\n<div class=\"pt-cv-content\"> ...<br \/><div class=\"pt-cv-rmwrap\"><a href=\"https:\/\/www.dmsjuridica.com\/buscador_20179478954\/corteconstitucionalcronologico202454587\/t-295-08\/\" class=\"_self pt-cv-readmore btn btn-success\" target=\"_self\">Ver Sentencia Completa...<\/a><\/div><\/div><\/div><\/div>\n<div class=\"col-md-12 col-sm-12 col-xs-12 pt-cv-content-item pt-cv-1-col\" ><div class='pt-cv-ifield'><a href=\"https:\/\/www.dmsjuridica.com\/buscador_20179478954\/corteconstitucionalcronologico202454587\/t-294-08\/\" class=\"_self pt-cv-href-thumbnail pt-cv-thumb-default\" target=\"_self\" ><\/a>\n<div class=\"pt-cv-taxoterm above_title\"><a href='https:\/\/www.dmsjuridica.com\/buscador_20179478954\/corteconstitucionalcronologico202454587\/category\/buscar-en-toda-la-corte\/2008\/tutelas-2008\/' title='Tutelas 2008' class='pt-cv-tax-tutelas-2008'>Tutelas 2008<\/a><\/div>\n<h4 class=\"pt-cv-title\"><a href=\"https:\/\/www.dmsjuridica.com\/buscador_20179478954\/corteconstitucionalcronologico202454587\/t-294-08\/\" class=\"_self\" target=\"_self\" >T-294-08<\/a><\/h4>\n<div class=\"pt-cv-content\">\u00a0 \u00a0 Sentencia T-294\/08 \u00a0 SISTEMA DE SEGURIDAD SOCIAL EN SALUD-Destinatarios \u00a0 SISTEMA DE SEGURIDAD SOCIAL EN SALUD-Participantes vinculados \u00a0 SISTEMA DE SEGURIDAD SOCIAL EN SALUD-Cuotas moderadoras y copagos \u00a0 SISTEMA DE SEGURIDAD SOCIAL EN SALUD-Cuotas moderadoras o copagos no pueden convertirse en barreras de acceso al servicio para personas que no tienen recursos econ\u00f3micos \u00a0 DERECHO A LA SALUD DE PERSONA DE LA TERERA EDAD-Pr\u00e1ctica de todos los tratamientos m\u00e9dicos prescritos por el m\u00e9dico tratante sin exigir copagos o cuotas de recuperaci\u00f3n por no tener \u00a0 \u00a0 Referencia: expediente T-1760648 \u00a0 Acci\u00f3n de tutela interpuesta por Cruz Mercedes Aldana ...<br \/><div class=\"pt-cv-rmwrap\"><a href=\"https:\/\/www.dmsjuridica.com\/buscador_20179478954\/corteconstitucionalcronologico202454587\/t-294-08\/\" class=\"_self pt-cv-readmore btn btn-success\" target=\"_self\">Ver Sentencia Completa...<\/a><\/div><\/div><\/div><\/div>\n<div class=\"col-md-12 col-sm-12 col-xs-12 pt-cv-content-item pt-cv-1-col\" ><div class='pt-cv-ifield'><a href=\"https:\/\/www.dmsjuridica.com\/buscador_20179478954\/corteconstitucionalcronologico202454587\/t-288-08\/\" class=\"_self pt-cv-href-thumbnail pt-cv-thumb-default\" target=\"_self\" ><\/a>\n<div class=\"pt-cv-taxoterm above_title\"><a href='https:\/\/www.dmsjuridica.com\/buscador_20179478954\/corteconstitucionalcronologico202454587\/category\/buscar-en-toda-la-corte\/2008\/tutelas-2008\/' title='Tutelas 2008' class='pt-cv-tax-tutelas-2008'>Tutelas 2008<\/a><\/div>\n<h4 class=\"pt-cv-title\"><a href=\"https:\/\/www.dmsjuridica.com\/buscador_20179478954\/corteconstitucionalcronologico202454587\/t-288-08\/\" class=\"_self\" target=\"_self\" >T-288-08<\/a><\/h4>\n<div class=\"pt-cv-content\">\u00a0 \u00a0 Sentencia T-288\/08 \u00a0 SERVICIO MILITAR-Obligaci\u00f3n \u00a0 SERVICIO MILITAR-Etapas \u00a0 SERVICIO MILITAR-Infractores \u00a0 LIBRETA MILITAR-Improcedencia de tutela para solicitar la entrega por negligencia en el diligenciamiento de los tr\u00e1mites necesarios para cumplir con el deber de prestar el servicio militar \u00a0 Referencia: expediente T-1768004 \u00a0 Acci\u00f3n de tutela interpuesta por Carlos Ren\u00e9 Botina L\u00f3pez contra la Direcci\u00f3n de Reclutamiento del Ej\u00e9rcito Nacional \u2013d\u00e9cima tercera zona de reclutamiento-. \u00a0 Magistrado Ponente\u00a0 \u00a0 Dr. MANUEL JOS\u00c9 CEPEDA ESPINOSA \u00a0 Bogot\u00e1, D.C., veintiocho (28) de marzo de dos mil ocho (2008). \u00a0 La Sala Segunda de Revisi\u00f3n de la Corte Constitucional, integrada ...<br \/><div class=\"pt-cv-rmwrap\"><a href=\"https:\/\/www.dmsjuridica.com\/buscador_20179478954\/corteconstitucionalcronologico202454587\/t-288-08\/\" class=\"_self pt-cv-readmore btn btn-success\" target=\"_self\">Ver Sentencia Completa...<\/a><\/div><\/div><\/div><\/div>\n<div class=\"col-md-12 col-sm-12 col-xs-12 pt-cv-content-item pt-cv-1-col\" ><div class='pt-cv-ifield'><a href=\"https:\/\/www.dmsjuridica.com\/buscador_20179478954\/corteconstitucionalcronologico202454587\/t-287-08\/\" class=\"_self pt-cv-href-thumbnail pt-cv-thumb-default\" target=\"_self\" ><\/a>\n<div class=\"pt-cv-taxoterm above_title\"><a href='https:\/\/www.dmsjuridica.com\/buscador_20179478954\/corteconstitucionalcronologico202454587\/category\/buscar-en-toda-la-corte\/2008\/tutelas-2008\/' title='Tutelas 2008' class='pt-cv-tax-tutelas-2008'>Tutelas 2008<\/a><\/div>\n<h4 class=\"pt-cv-title\"><a href=\"https:\/\/www.dmsjuridica.com\/buscador_20179478954\/corteconstitucionalcronologico202454587\/t-287-08\/\" class=\"_self\" target=\"_self\" >T-287-08<\/a><\/h4>\n<div class=\"pt-cv-content\">\u00a0 \u00a0 Sentencia T-287\/08 \u00a0 ACCION DE TUTELA PARA EVITAR PERJUICIO IRREMEDIABLE-Procedencia \u00a0 ACCION DE TUTELA TRANSITORIA-Presupuestos para que se configure el perjuicio irremediable \u00a0 PENSION DE INVALIDEZ POR RIESGO COMUN-Requisitos establecidos en Ley 100\/93 y en Ley 860\/03 \u00a0 PENSION DE INVALIDEZ-Condiciones m\u00e1s favorables seg\u00fan art\u00edculo 39 de la Ley 100 de 1993 \u00a0 Referencia: expediente T-1745302 \u00a0 Acci\u00f3n de tutela instaurada por Olga Susana Palacios Palacios contra el Ministerio de Educaci\u00f3n Nacional, Fondo Nacional de Prestaciones Sociales del Magisterio de Boyac\u00e1 y La Previsora S.A. \u00a0 Magistrado Ponente: \u00a0 Dr. MANUEL JOS\u00c9 CEPEDA ESPINOSA \u00a0 Bogot\u00e1 D.C., veintiocho ...<br \/><div class=\"pt-cv-rmwrap\"><a href=\"https:\/\/www.dmsjuridica.com\/buscador_20179478954\/corteconstitucionalcronologico202454587\/t-287-08\/\" class=\"_self pt-cv-readmore btn btn-success\" target=\"_self\">Ver Sentencia Completa...<\/a><\/div><\/div><\/div><\/div>\n<div class=\"col-md-12 col-sm-12 col-xs-12 pt-cv-content-item pt-cv-1-col\" ><div class='pt-cv-ifield'><a href=\"https:\/\/www.dmsjuridica.com\/buscador_20179478954\/corteconstitucionalcronologico202454587\/t-286-08\/\" class=\"_self pt-cv-href-thumbnail pt-cv-thumb-default\" target=\"_self\" ><\/a>\n<div class=\"pt-cv-taxoterm above_title\"><a href='https:\/\/www.dmsjuridica.com\/buscador_20179478954\/corteconstitucionalcronologico202454587\/category\/buscar-en-toda-la-corte\/2008\/tutelas-2008\/' title='Tutelas 2008' class='pt-cv-tax-tutelas-2008'>Tutelas 2008<\/a><\/div>\n<h4 class=\"pt-cv-title\"><a href=\"https:\/\/www.dmsjuridica.com\/buscador_20179478954\/corteconstitucionalcronologico202454587\/t-286-08\/\" class=\"_self\" target=\"_self\" >T-286-08<\/a><\/h4>\n<div class=\"pt-cv-content\">\u00a0 \u00a0 Sentencia T-286\/08\u00a0 \u00a0 ACCION DE TUTELA EN MATERIA PENSIONAL-Procedencia excepcional \u00a0 ACCION DE TUTELA PARA RECONOCIMIENTO DE PENSION-Requisitos para su procedencia \u00a0 REGIMEN DE TRANSICION EN PENSIONES-Beneficiarios y requisitos para acceder a la pensi\u00f3n \u00a0 ACCION DE TUTELA PARA RECONOCIMIENTO DE PENSION DE VEJEZ-Improcedencia cuando no se cumple con los requisitos consagrados en la ley \u00a0 INDEMNIZACION SUSTITUTIVA DE PENSION DE VEJEZ-Finalidad \u00a0 ACCION DE TUTELA CONTRA EL SEGURO SOCIAL-Procedencia para obtener reconocimiento de la indemnizaci\u00f3n sustitutiva \u00a0 Referencia: expediente T-1659001 \u00a0 Acci\u00f3n de tutela instaurada por Edgardo Moreno contra el Instituto de Seguros Sociales \u00a0 Magistrado Ponente: ...<br \/><div class=\"pt-cv-rmwrap\"><a href=\"https:\/\/www.dmsjuridica.com\/buscador_20179478954\/corteconstitucionalcronologico202454587\/t-286-08\/\" class=\"_self pt-cv-readmore btn btn-success\" target=\"_self\">Ver Sentencia Completa...<\/a><\/div><\/div><\/div><\/div>\n<div class=\"col-md-12 col-sm-12 col-xs-12 pt-cv-content-item pt-cv-1-col\" ><div class='pt-cv-ifield'><a href=\"https:\/\/www.dmsjuridica.com\/buscador_20179478954\/corteconstitucionalcronologico202454587\/t-285-08\/\" class=\"_self pt-cv-href-thumbnail pt-cv-thumb-default\" target=\"_self\" ><\/a>\n<div class=\"pt-cv-taxoterm above_title\"><a href='https:\/\/www.dmsjuridica.com\/buscador_20179478954\/corteconstitucionalcronologico202454587\/category\/buscar-en-toda-la-corte\/2008\/tutelas-2008\/' title='Tutelas 2008' class='pt-cv-tax-tutelas-2008'>Tutelas 2008<\/a><\/div>\n<h4 class=\"pt-cv-title\"><a href=\"https:\/\/www.dmsjuridica.com\/buscador_20179478954\/corteconstitucionalcronologico202454587\/t-285-08\/\" class=\"_self\" target=\"_self\" >T-285-08<\/a><\/h4>\n<div class=\"pt-cv-content\">\u00a0 \u00a0 Sentencia T-285\/08 \u00a0 DESPLAZAMIENTO FORZADO-Eliminaci\u00f3n del t\u00e9rmino m\u00e1ximo para la atenci\u00f3n humanitaria de emergencia\/DESPLAZAMIENTO FORZADO-Flexibilidad en el t\u00e9rmino de atenci\u00f3n humanitaria de emergencia\/DESPLAZAMIENTO FORZADO-Pr\u00f3rroga del t\u00e9rmino de atenci\u00f3n humanitaria de emergencia hasta que el afectado est\u00e9 en condiciones de asumir su autosostenimiento \u00a0 ACCION DE TUTELA-Procedencia respecto a desplazados \u00a0 Referencia: expediente T-1764998 \u00a0 Acci\u00f3n de tutela instaurada por Geraldo Campo Pi\u00f1eres, contra Acci\u00f3n Social, Magdalena Medio \u00a0 Magistrado Ponente:\u00a0 \u00a0 Dr. NILSON PINILLA PINILLA \u00a0 Bogot\u00e1, D. C., \u00a0veintisiete (27) de marzo de dos mil ocho (2008).\u00a0 \u00a0 La Sala S\u00e9ptima de Revisi\u00f3n de la Corte Constitucional, ...<br \/><div class=\"pt-cv-rmwrap\"><a href=\"https:\/\/www.dmsjuridica.com\/buscador_20179478954\/corteconstitucionalcronologico202454587\/t-285-08\/\" class=\"_self pt-cv-readmore btn btn-success\" target=\"_self\">Ver Sentencia Completa...<\/a><\/div><\/div><\/div><\/div>\n<div class=\"col-md-12 col-sm-12 col-xs-12 pt-cv-content-item pt-cv-1-col\" ><div class='pt-cv-ifield'><a href=\"https:\/\/www.dmsjuridica.com\/buscador_20179478954\/corteconstitucionalcronologico202454587\/t-284-08\/\" class=\"_self pt-cv-href-thumbnail pt-cv-thumb-default\" target=\"_self\" ><\/a>\n<div class=\"pt-cv-taxoterm above_title\"><a href='https:\/\/www.dmsjuridica.com\/buscador_20179478954\/corteconstitucionalcronologico202454587\/category\/buscar-en-toda-la-corte\/2008\/tutelas-2008\/' title='Tutelas 2008' class='pt-cv-tax-tutelas-2008'>Tutelas 2008<\/a><\/div>\n<h4 class=\"pt-cv-title\"><a href=\"https:\/\/www.dmsjuridica.com\/buscador_20179478954\/corteconstitucionalcronologico202454587\/t-284-08\/\" class=\"_self\" target=\"_self\" >T-284-08<\/a><\/h4>\n<div class=\"pt-cv-content\">\u00a0 \u00a0 Sentencia T-284\/08 \u00a0 DERECHO AL HABEAS DATA-Alcance \u00a0 DERECHO AL HABEAS DATA-Acciones por parte de los ciudadanos \u00a0 HABEAS DATA-Vulneraci\u00f3n \u00a0 HABEAS DATA-Autorizaci\u00f3n por parte de los titulares del dato \u00a0a recopilar \u00a0 HABEAS DATA-Caducidad \u00a0 DATO NEGATIVO-Reglas para determinar la caducidad \u00a0 DERECHO AL HABEAS DATA EN MATERIA CREDITICIA-T\u00e9rmino m\u00e1ximo de 10 a\u00f1os para el almacenamiento de datos de personas que no han cancelado sus obligaciones contados a partir del momento en que la obligaci\u00f3n se hizo exigible \u00a0 DERECHO AL HABEAS DATA EN MATERIA CREDITICIA-Pago posterior al t\u00e9rmino de 10 a\u00f1os de caducidad del dato, no ...<br \/><div class=\"pt-cv-rmwrap\"><a href=\"https:\/\/www.dmsjuridica.com\/buscador_20179478954\/corteconstitucionalcronologico202454587\/t-284-08\/\" class=\"_self pt-cv-readmore btn btn-success\" target=\"_self\">Ver Sentencia Completa...<\/a><\/div><\/div><\/div><\/div>\n<div class=\"col-md-12 col-sm-12 col-xs-12 pt-cv-content-item pt-cv-1-col\" ><div class='pt-cv-ifield'><a href=\"https:\/\/www.dmsjuridica.com\/buscador_20179478954\/corteconstitucionalcronologico202454587\/t-283-08\/\" class=\"_self pt-cv-href-thumbnail pt-cv-thumb-default\" target=\"_self\" ><\/a>\n<div class=\"pt-cv-taxoterm above_title\"><a href='https:\/\/www.dmsjuridica.com\/buscador_20179478954\/corteconstitucionalcronologico202454587\/category\/buscar-en-toda-la-corte\/2008\/tutelas-2008\/' title='Tutelas 2008' class='pt-cv-tax-tutelas-2008'>Tutelas 2008<\/a><\/div>\n<h4 class=\"pt-cv-title\"><a href=\"https:\/\/www.dmsjuridica.com\/buscador_20179478954\/corteconstitucionalcronologico202454587\/t-283-08\/\" class=\"_self\" target=\"_self\" >T-283-08<\/a><\/h4>\n<div class=\"pt-cv-content\">\u00a0 \u00a0 Sentencia T-283\/08 \u00a0 (Marzo 14 de 2008) \u00a0 ACCION DE TUTELA CONTRA EL SEGURO SOCIAL-Hecho superado por cancelaci\u00f3n de mesada pensional reconocida \u00a0 Referencia: expediente T-1.741.986 \u00a0 Accionado: Instituto de Seguros Sociales\u00a0 \u00a0 Fallos de tutela objeto revisi\u00f3n: Sentencia de la Sala Laboral del Tribunal Superior del Circuito Judicial de Medell\u00edn (2\u00aa Instancia), confirmatoria de la sentencia del Juez Once Laboral del Circuito de Medell\u00edn. \u00a0 Magistrados de la Sala Quinta de Revisi\u00f3n: Mauricio Gonz\u00e1lez Cuervo, Marco Gerardo Monroy Cabra, Nilson Pinilla Pinilla.\u00a0 \u00a0 Magistrado Ponente: Dr. MAURICIO GONZ\u00c1LEZ CUERVO. \u00a0 I. ANTECEDENTES \u00a0 1. Pretensi\u00f3n \u00a0 El ...<br \/><div class=\"pt-cv-rmwrap\"><a href=\"https:\/\/www.dmsjuridica.com\/buscador_20179478954\/corteconstitucionalcronologico202454587\/t-283-08\/\" class=\"_self pt-cv-readmore btn btn-success\" target=\"_self\">Ver Sentencia Completa...<\/a><\/div><\/div><\/div><\/div>\n<div class=\"col-md-12 col-sm-12 col-xs-12 pt-cv-content-item pt-cv-1-col\" ><div class='pt-cv-ifield'><a href=\"https:\/\/www.dmsjuridica.com\/buscador_20179478954\/corteconstitucionalcronologico202454587\/t-282-08\/\" class=\"_self pt-cv-href-thumbnail pt-cv-thumb-default\" target=\"_self\" ><\/a>\n<div class=\"pt-cv-taxoterm above_title\"><a href='https:\/\/www.dmsjuridica.com\/buscador_20179478954\/corteconstitucionalcronologico202454587\/category\/buscar-en-toda-la-corte\/2008\/tutelas-2008\/' title='Tutelas 2008' class='pt-cv-tax-tutelas-2008'>Tutelas 2008<\/a><\/div>\n<h4 class=\"pt-cv-title\"><a href=\"https:\/\/www.dmsjuridica.com\/buscador_20179478954\/corteconstitucionalcronologico202454587\/t-282-08\/\" class=\"_self\" target=\"_self\" >T-282-08<\/a><\/h4>\n<div class=\"pt-cv-content\">\u00a0 \u00a0 Sentencia T-282\/08 \u00a0 (Marzo 14 de 2008) \u00a0 SUJETOS DE ESPECIAL PROTECCION-Normas constitucionales e instrumentos internacionales ratificados por el Estado colombiano de amparo reforzado \u00a0 DERECHO A LA SALUD DE NI\u00d1OS Y NI\u00d1AS-Protecci\u00f3n constitucional \u00a0 SUJETOS DE ESPECIAL PROTECCION CONSTITUCIONAL-Procedencia excepcional de la tutela para sujetos cobijados por una protecci\u00f3n constitucional reforzada \u00a0 SUJETOS DE ESPECIAL PROTECCION CONSTITUCIONAL-Personas con limitaciones f\u00edsicas y ps\u00edquicas \u00a0 DERECHO A LA EDUCACION DEL DISCAPACITADO-Protecci\u00f3n constitucional\u00a0 \u00a0 DERECHO A LA EDUCACION DEL MENOR DISCAPACITADO-Inclusi\u00f3n del menor en un programa de iguales caracter\u00edsticas en un convenio vigente \u00a0 Referencia: expediente T-1.740.531 \u00a0 Accionante: Argelia ...<br \/><div class=\"pt-cv-rmwrap\"><a href=\"https:\/\/www.dmsjuridica.com\/buscador_20179478954\/corteconstitucionalcronologico202454587\/t-282-08\/\" class=\"_self pt-cv-readmore btn btn-success\" target=\"_self\">Ver Sentencia Completa...<\/a><\/div><\/div><\/div><\/div>\n<div class=\"col-md-12 col-sm-12 col-xs-12 pt-cv-content-item pt-cv-1-col\" ><div class='pt-cv-ifield'><a href=\"https:\/\/www.dmsjuridica.com\/buscador_20179478954\/corteconstitucionalcronologico202454587\/t-281-08\/\" class=\"_self pt-cv-href-thumbnail pt-cv-thumb-default\" target=\"_self\" ><\/a>\n<div class=\"pt-cv-taxoterm above_title\"><a href='https:\/\/www.dmsjuridica.com\/buscador_20179478954\/corteconstitucionalcronologico202454587\/category\/buscar-en-toda-la-corte\/2008\/tutelas-2008\/' title='Tutelas 2008' class='pt-cv-tax-tutelas-2008'>Tutelas 2008<\/a><\/div>\n<h4 class=\"pt-cv-title\"><a href=\"https:\/\/www.dmsjuridica.com\/buscador_20179478954\/corteconstitucionalcronologico202454587\/t-281-08\/\" class=\"_self\" target=\"_self\" >T-281-08<\/a><\/h4>\n<div class=\"pt-cv-content\">\u00a0 \u00a0 Sentencia T-281\/08 \u00a0 (Marzo 14 de 2008) \u00a0 DERECHOS DEL NI\u00d1O-Fundamentales de manera aut\u00f3noma \u00a0 DISCAPACIDAD-Protecci\u00f3n constitucional reforzada \u00a0 DERECHO A LA SALUD DEL NI\u00d1O-Gastos de transporte para la menor y su acompa\u00f1ante a otra ciudad \u00a0 Referencia: expediente T-1709155. \u00a0 Accionante: Mar\u00eda Sof\u00eda Carrillo G\u00f3mez en representaci\u00f3n de su hija menor de edad, Jessica Yuricza Ca\u00f1averal Carrillo. \u00a0 Accionado: Saludcoop E.P.S. \u00a0 Fallos objeto de revisi\u00f3n: Sentencia del Juzgado Tercero Penal del Circuito de Villavicencio, de 29 de mayo de 2007 (2\u00aa instancia), confirmatoria de sentencia del Juzgado Cuarto Penal Municipal de Villavicencio, del 23 de abril ...<br \/><div class=\"pt-cv-rmwrap\"><a href=\"https:\/\/www.dmsjuridica.com\/buscador_20179478954\/corteconstitucionalcronologico202454587\/t-281-08\/\" class=\"_self pt-cv-readmore btn btn-success\" target=\"_self\">Ver Sentencia Completa...<\/a><\/div><\/div><\/div><\/div>\n<div class=\"col-md-12 col-sm-12 col-xs-12 pt-cv-content-item pt-cv-1-col\" ><div class='pt-cv-ifield'><a href=\"https:\/\/www.dmsjuridica.com\/buscador_20179478954\/corteconstitucionalcronologico202454587\/t-280-08\/\" class=\"_self pt-cv-href-thumbnail pt-cv-thumb-default\" target=\"_self\" ><\/a>\n<div class=\"pt-cv-taxoterm above_title\"><a href='https:\/\/www.dmsjuridica.com\/buscador_20179478954\/corteconstitucionalcronologico202454587\/category\/buscar-en-toda-la-corte\/2008\/tutelas-2008\/' title='Tutelas 2008' class='pt-cv-tax-tutelas-2008'>Tutelas 2008<\/a><\/div>\n<h4 class=\"pt-cv-title\"><a href=\"https:\/\/www.dmsjuridica.com\/buscador_20179478954\/corteconstitucionalcronologico202454587\/t-280-08\/\" class=\"_self\" target=\"_self\" >T-280-08<\/a><\/h4>\n<div class=\"pt-cv-content\">\u00a0 \u00a0 Sentencia T-280\/08 \u00a0 (Marzo 14 de 2008) \u00a0 DERECHO A LA SALUD DEL NI\u00d1O-Fundamental \u00a0 DERECHO A LA SALUD DEL MENOR-Incorpora el derecho al diagn\u00f3stico \u00a0 ACCION DE TUTELA CONTRA ENTIDAD PROMOTORA DE SALUD-Reglas de procedencia para ordenar suministro de medicamentos excluidos del POS \u00a0 DERECHO A LA SALUD DEL MENOR-Realizaci\u00f3n por la EPS de examen de diagn\u00f3stico de menor con disminuci\u00f3n sensorial o ps\u00edquica \u00a0 Referencia: expediente T-1.748.071 \u00a0 Accionante: Gloria Edith Rodr\u00edguez en representaci\u00f3n de su hija menor de edad Juliana S\u00e1nchez Rodr\u00edguez \u00a0 Accionado: E.P.S. SANITAS S.A. \u00a0 Fallo de tutela objeto de revisi\u00f3n: sentencia ...<br \/><div class=\"pt-cv-rmwrap\"><a href=\"https:\/\/www.dmsjuridica.com\/buscador_20179478954\/corteconstitucionalcronologico202454587\/t-280-08\/\" class=\"_self pt-cv-readmore btn btn-success\" target=\"_self\">Ver Sentencia Completa...<\/a><\/div><\/div><\/div><\/div>\n<div class=\"col-md-12 col-sm-12 col-xs-12 pt-cv-content-item pt-cv-1-col\" ><div class='pt-cv-ifield'><a href=\"https:\/\/www.dmsjuridica.com\/buscador_20179478954\/corteconstitucionalcronologico202454587\/t-279-08\/\" class=\"_self pt-cv-href-thumbnail pt-cv-thumb-default\" target=\"_self\" ><\/a>\n<div class=\"pt-cv-taxoterm above_title\"><a href='https:\/\/www.dmsjuridica.com\/buscador_20179478954\/corteconstitucionalcronologico202454587\/category\/buscar-en-toda-la-corte\/2008\/tutelas-2008\/' title='Tutelas 2008' class='pt-cv-tax-tutelas-2008'>Tutelas 2008<\/a><\/div>\n<h4 class=\"pt-cv-title\"><a href=\"https:\/\/www.dmsjuridica.com\/buscador_20179478954\/corteconstitucionalcronologico202454587\/t-279-08\/\" class=\"_self\" target=\"_self\" >T-279-08<\/a><\/h4>\n<div class=\"pt-cv-content\">\u00a0 \u00a0 Sentencia T-279\/08 \u00a0 DERECHO A LA SALUD DEL NI\u00d1O-Fundamental \u00a0 ACCION DE TUTELA-Hecho superado por atenci\u00f3n m\u00e9dica a menor \u00a0 DERECHO A LA CONTINUIDAD EN EL SERVICIO DE SALUD-Atenci\u00f3n m\u00e9dica a menor hasta tanto no se produzca la desafiliaci\u00f3n del ISS \u00a0 Referencia: expediente T-1.802.009 \u00a0 Acci\u00f3n de tutela interpuesta por Ana Mar\u00eda Moreno Mart\u00ednez en representaci\u00f3n de su hijo Daniel Casta\u00f1eda Moreno, en contra del Instituto de Seguros Sociales y la Secretaria Distrital de Salud de Bogot\u00e1. \u00a0 Magistrado Ponente: \u00a0 Dr. JAIME C\u00d3RDOBA TRIVI\u00d1O \u00a0 Bogot\u00e1 D.C., catorce (14) de marzo de dos mil ocho (2008) ...<br \/><div class=\"pt-cv-rmwrap\"><a href=\"https:\/\/www.dmsjuridica.com\/buscador_20179478954\/corteconstitucionalcronologico202454587\/t-279-08\/\" class=\"_self pt-cv-readmore btn btn-success\" target=\"_self\">Ver Sentencia Completa...<\/a><\/div><\/div><\/div><\/div>\n<div class=\"col-md-12 col-sm-12 col-xs-12 pt-cv-content-item pt-cv-1-col\" ><div class='pt-cv-ifield'><a href=\"https:\/\/www.dmsjuridica.com\/buscador_20179478954\/corteconstitucionalcronologico202454587\/t-278-08\/\" class=\"_self pt-cv-href-thumbnail pt-cv-thumb-default\" target=\"_self\" ><\/a>\n<div class=\"pt-cv-taxoterm above_title\"><a href='https:\/\/www.dmsjuridica.com\/buscador_20179478954\/corteconstitucionalcronologico202454587\/category\/buscar-en-toda-la-corte\/2008\/tutelas-2008\/' title='Tutelas 2008' class='pt-cv-tax-tutelas-2008'>Tutelas 2008<\/a><\/div>\n<h4 class=\"pt-cv-title\"><a href=\"https:\/\/www.dmsjuridica.com\/buscador_20179478954\/corteconstitucionalcronologico202454587\/t-278-08\/\" class=\"_self\" target=\"_self\" >T-278-08<\/a><\/h4>\n<div class=\"pt-cv-content\">\u00a0 \u00a0 Sentencia T-278\/08 \u00a0 ACCION DE TUTELA CONTRA ENTIDAD PROMOTORA DE SALUD-Requisitos que se deben demostrar \u00a0 PRINCIPIO DE CONTINUIDAD EN EL SERVICIO PUBLICO DE SALUD-Prioridad cuando la persona que ha dejado de cotizar por desvinculaci\u00f3n laboral y se encuentra en riesgo por falta de intervenci\u00f3n quir\u00fargica o cualquier otro tratamiento m\u00e9dico\u00a0 \u00a0 DERECHO A LA CONTINUIDAD EN EL SERVICIO DE SALUD-Prohibici\u00f3n a las entidades prestadoras de salud ya sea particulares o p\u00fablicas de interrumpir los servicios de salud a sus afiliados argumentando problemas administrativos \u00a0 Referencia: expediente T-1\u2019752.326 \u00a0 Accionante: Juan Guillermo Echeverri Henao \u00a0 Procedencia: Juzgado Primero ...<br \/><div class=\"pt-cv-rmwrap\"><a href=\"https:\/\/www.dmsjuridica.com\/buscador_20179478954\/corteconstitucionalcronologico202454587\/t-278-08\/\" class=\"_self pt-cv-readmore btn btn-success\" target=\"_self\">Ver Sentencia Completa...<\/a><\/div><\/div><\/div><\/div>\n<div class=\"col-md-12 col-sm-12 col-xs-12 pt-cv-content-item pt-cv-1-col\" ><div class='pt-cv-ifield'><a href=\"https:\/\/www.dmsjuridica.com\/buscador_20179478954\/corteconstitucionalcronologico202454587\/t-277-08\/\" class=\"_self pt-cv-href-thumbnail pt-cv-thumb-default\" target=\"_self\" ><\/a>\n<div class=\"pt-cv-taxoterm above_title\"><a href='https:\/\/www.dmsjuridica.com\/buscador_20179478954\/corteconstitucionalcronologico202454587\/category\/buscar-en-toda-la-corte\/2008\/tutelas-2008\/' title='Tutelas 2008' class='pt-cv-tax-tutelas-2008'>Tutelas 2008<\/a><\/div>\n<h4 class=\"pt-cv-title\"><a href=\"https:\/\/www.dmsjuridica.com\/buscador_20179478954\/corteconstitucionalcronologico202454587\/t-277-08\/\" class=\"_self\" target=\"_self\" >T-277-08<\/a><\/h4>\n<div class=\"pt-cv-content\">\u00a0 \u00a0 Sentencia T-277\/08 \u00a0 ACCION DE TUTELA-Carencia actual de objeto por inexistencia del sujeto titular de los derechos fundamentales para cuya protecci\u00f3n se interpuso la acci\u00f3n de tutela \u00a0 Referencia: expediente T-1704992 \u00a0 Peticionario: Dar\u00edo Novoa Padilla \u00a0 Procedencia: Consejo Superior de la Judicatura. Sala Jurisdiccional Disciplinaria. \u00a0 Magistrado Ponente: \u00a0 Dr. MARCO GERARDO MONROY CABRA \u00a0 Bogot\u00e1, D.C., trece (13) de marzo dos mil ocho (2008). \u00a0 La Sala Sexta de la Corte Constitucional, integrada por los Magistrados Nilson Pinilla Pinilla, Humberto Antonio Sierra Porto y Marco Gerardo Monroy Cabra, quien la preside, en ejercicio de sus competencias ...<br \/><div class=\"pt-cv-rmwrap\"><a href=\"https:\/\/www.dmsjuridica.com\/buscador_20179478954\/corteconstitucionalcronologico202454587\/t-277-08\/\" class=\"_self pt-cv-readmore btn btn-success\" target=\"_self\">Ver Sentencia Completa...<\/a><\/div><\/div><\/div><\/div>\n<div class=\"col-md-12 col-sm-12 col-xs-12 pt-cv-content-item pt-cv-1-col\" ><div class='pt-cv-ifield'><a href=\"https:\/\/www.dmsjuridica.com\/buscador_20179478954\/corteconstitucionalcronologico202454587\/t-276-08\/\" class=\"_self pt-cv-href-thumbnail pt-cv-thumb-default\" target=\"_self\" ><\/a>\n<div class=\"pt-cv-taxoterm above_title\"><a href='https:\/\/www.dmsjuridica.com\/buscador_20179478954\/corteconstitucionalcronologico202454587\/category\/buscar-en-toda-la-corte\/2008\/tutelas-2008\/' title='Tutelas 2008' class='pt-cv-tax-tutelas-2008'>Tutelas 2008<\/a><\/div>\n<h4 class=\"pt-cv-title\"><a href=\"https:\/\/www.dmsjuridica.com\/buscador_20179478954\/corteconstitucionalcronologico202454587\/t-276-08\/\" class=\"_self\" target=\"_self\" >T-276-08<\/a><\/h4>\n<div class=\"pt-cv-content\">\u00a0 \u00a0 Sentencia T-276\/08 \u00a0 ACCION DE TUTELA CONTRA EL FONDO NACIONAL DEL AHORRO-Inoponibilidad del principio de inmediatez como requisito de procedibilidad en los casos en que se han variado las condiciones iniciales del cr\u00e9dito de pesos a UVR \u00a0 ACCION DE TUTELA CONTRA EL FONDO NACIONAL DEL AHORRO-Procedencia por violaci\u00f3n al debido proceso y principio de la buena fe al variar unilateralmente las condiciones del contrato de mutuo para la adquisici\u00f3n de vivienda \u00a0 FONDO NACIONAL DEL AHORRO-Vulneraci\u00f3n de derechos al modificar el cr\u00e9dito de pesos a UVR sin informaci\u00f3n y aceptaci\u00f3n previa del titular \u00a0 FONDO NACIONAL DEL ...<br \/><div class=\"pt-cv-rmwrap\"><a href=\"https:\/\/www.dmsjuridica.com\/buscador_20179478954\/corteconstitucionalcronologico202454587\/t-276-08\/\" class=\"_self pt-cv-readmore btn btn-success\" target=\"_self\">Ver Sentencia Completa...<\/a><\/div><\/div><\/div><\/div>\n<div class=\"col-md-12 col-sm-12 col-xs-12 pt-cv-content-item pt-cv-1-col\" ><div class='pt-cv-ifield'><a href=\"https:\/\/www.dmsjuridica.com\/buscador_20179478954\/corteconstitucionalcronologico202454587\/t-275-08\/\" class=\"_self pt-cv-href-thumbnail pt-cv-thumb-default\" target=\"_self\" ><\/a>\n<div class=\"pt-cv-taxoterm above_title\"><a href='https:\/\/www.dmsjuridica.com\/buscador_20179478954\/corteconstitucionalcronologico202454587\/category\/buscar-en-toda-la-corte\/2008\/tutelas-2008\/' title='Tutelas 2008' class='pt-cv-tax-tutelas-2008'>Tutelas 2008<\/a><\/div>\n<h4 class=\"pt-cv-title\"><a href=\"https:\/\/www.dmsjuridica.com\/buscador_20179478954\/corteconstitucionalcronologico202454587\/t-275-08\/\" class=\"_self\" target=\"_self\" >T-275-08<\/a><\/h4>\n<div class=\"pt-cv-content\">\u00a0 \u00a0 Sentencia T-275\/08 \u00a0 DERECHO A LA VIVIENDA DIGNA-Casos en que es procedente la protecci\u00f3n\u00a0 \u00a0 DERECHO AL MINIMO VITAL-Concepto \u00a0 VIVIENDA DE INTERES SOCIAL-Inexistencia de regulaci\u00f3n legal atinente a las condiciones en las cuales el beneficiario del subsidio de vivienda de inter\u00e9s social, puede dejar de residir en la vivienda, manteniendo la propiedad, como en el evento de un contrato de arrendamiento \u00a0 DERECHO A LA VIVIENDA DE INTERES SOCIAL-Finalidad \u00a0 DERECHO A LA VIVIENDA DE INTERES SOCIAL-Desconocimiento de la protecci\u00f3n estatal hace que las viviendas adjudicadas puedan ser empleadas con fines lucrativos para el adjudicatario del subsidio ...<br \/><div class=\"pt-cv-rmwrap\"><a href=\"https:\/\/www.dmsjuridica.com\/buscador_20179478954\/corteconstitucionalcronologico202454587\/t-275-08\/\" class=\"_self pt-cv-readmore btn btn-success\" target=\"_self\">Ver Sentencia Completa...<\/a><\/div><\/div><\/div><\/div>\n<div class=\"col-md-12 col-sm-12 col-xs-12 pt-cv-content-item pt-cv-1-col\" ><div class='pt-cv-ifield'><a href=\"https:\/\/www.dmsjuridica.com\/buscador_20179478954\/corteconstitucionalcronologico202454587\/t-274-08\/\" class=\"_self pt-cv-href-thumbnail pt-cv-thumb-default\" target=\"_self\" ><\/a>\n<div class=\"pt-cv-taxoterm above_title\"><a href='https:\/\/www.dmsjuridica.com\/buscador_20179478954\/corteconstitucionalcronologico202454587\/category\/buscar-en-toda-la-corte\/2008\/tutelas-2008\/' title='Tutelas 2008' class='pt-cv-tax-tutelas-2008'>Tutelas 2008<\/a><\/div>\n<h4 class=\"pt-cv-title\"><a href=\"https:\/\/www.dmsjuridica.com\/buscador_20179478954\/corteconstitucionalcronologico202454587\/t-274-08\/\" class=\"_self\" target=\"_self\" >T-274-08<\/a><\/h4>\n<div class=\"pt-cv-content\">\u00a0 \u00a0 Sentencia T-274\/08 \u00a0 DISCIPLINA CARCELARIA-R\u00e9gimen de visitas \u00a0 DERECHO A LA UNIDAD FAMILIAR DE PERSONAS PRIVADAS DE LA LIBERTAD-Contacto permanente del interno con su familia ayuda a su resocializaci\u00f3n \u00a0 DERECHOS DEL INTERNO-Visitas de familiares, amigos, c\u00f3nyuge o compa\u00f1ero permanente \u00a0 PRINCIPIO DE DIGNIDAD HUMANA DEL INTERNO \u00a0 DERECHOS DEL INTERNO-L\u00edmites razonables proporcionales \u00a0 DISCRECIONALIDAD DE ESTABLECIMIENTO CARCELARIO-Restricci\u00f3n razonable de reclusos \u00a0 HOMOSEXUALIDAD EN ESTABLECIMIENTO CARCELARIO-La orientaci\u00f3n sexual de las personas privadas de la libertad no constituye una justificaci\u00f3n razonable y proporcional para impedir la visita \u00edntima\/VISITAS CONYUGALES DE INTERNOS \u00a0 SANCION DISCIPLINARIA A INTERNO-Restricci\u00f3n de visitas \u00a0 ...<br \/><div class=\"pt-cv-rmwrap\"><a href=\"https:\/\/www.dmsjuridica.com\/buscador_20179478954\/corteconstitucionalcronologico202454587\/t-274-08\/\" class=\"_self pt-cv-readmore btn btn-success\" target=\"_self\">Ver Sentencia Completa...<\/a><\/div><\/div><\/div><\/div>\n<div class=\"col-md-12 col-sm-12 col-xs-12 pt-cv-content-item pt-cv-1-col\" ><div class='pt-cv-ifield'><a href=\"https:\/\/www.dmsjuridica.com\/buscador_20179478954\/corteconstitucionalcronologico202454587\/t-273-08\/\" class=\"_self pt-cv-href-thumbnail pt-cv-thumb-default\" target=\"_self\" ><\/a>\n<div class=\"pt-cv-taxoterm above_title\"><a href='https:\/\/www.dmsjuridica.com\/buscador_20179478954\/corteconstitucionalcronologico202454587\/category\/buscar-en-toda-la-corte\/2008\/tutelas-2008\/' title='Tutelas 2008' class='pt-cv-tax-tutelas-2008'>Tutelas 2008<\/a><\/div>\n<h4 class=\"pt-cv-title\"><a href=\"https:\/\/www.dmsjuridica.com\/buscador_20179478954\/corteconstitucionalcronologico202454587\/t-273-08\/\" class=\"_self\" target=\"_self\" >T-273-08<\/a><\/h4>\n<div class=\"pt-cv-content\">\u00a0 \u00a0 Sentencia T-273\/08 \u00a0 DERECHO A LA EDUCACION-Fundamental \u00a0 DERECHO A LA EDUCACION-Acreditaci\u00f3n de calidad de estudiante \u00a0 DERECHO A LA EDUCACION-Vulneraci\u00f3n por haber suspendido el pago de las mesadas pensionales \u00a0 Referencia: expediente T-1778004 \u00a0 \u00a0 \u00a0 Magistrado Ponente: \u00a0 Dr. JAIME ARA\u00daJO RENTER\u00cdA \u00a0 Bogot\u00e1, D. C., once (11) de marzo de dos mil ocho (2008). \u00a0 La Sala Primera de Revisi\u00f3n de la Corte Constitucional, integrada por los Magistrados MANUEL JOS\u00c9 CEPEDA ESPINOSA, JAIME C\u00d3RDOBA TRIVI\u00d1O y JAIME ARA\u00daJO RENTER\u00cdA, en ejercicio de sus competencias constitucionales y legales, ha proferido la siguiente: \u00a0 SENTENCIA \u00a0 dentro ...<br \/><div class=\"pt-cv-rmwrap\"><a href=\"https:\/\/www.dmsjuridica.com\/buscador_20179478954\/corteconstitucionalcronologico202454587\/t-273-08\/\" class=\"_self pt-cv-readmore btn btn-success\" target=\"_self\">Ver Sentencia Completa...<\/a><\/div><\/div><\/div><\/div>\n<div class=\"col-md-12 col-sm-12 col-xs-12 pt-cv-content-item pt-cv-1-col\" ><div class='pt-cv-ifield'><a href=\"https:\/\/www.dmsjuridica.com\/buscador_20179478954\/corteconstitucionalcronologico202454587\/t-272-08\/\" class=\"_self pt-cv-href-thumbnail pt-cv-thumb-default\" target=\"_self\" ><\/a>\n<div class=\"pt-cv-taxoterm above_title\"><a href='https:\/\/www.dmsjuridica.com\/buscador_20179478954\/corteconstitucionalcronologico202454587\/category\/buscar-en-toda-la-corte\/2008\/tutelas-2008\/' title='Tutelas 2008' class='pt-cv-tax-tutelas-2008'>Tutelas 2008<\/a><\/div>\n<h4 class=\"pt-cv-title\"><a href=\"https:\/\/www.dmsjuridica.com\/buscador_20179478954\/corteconstitucionalcronologico202454587\/t-272-08\/\" class=\"_self\" target=\"_self\" >T-272-08<\/a><\/h4>\n<div class=\"pt-cv-content\">\u00a0 \u00a0 Sentencia T-272\/08 \u00a0 DERECHO AL CUMPLIMIENTO DE SENTENCIAS-Alcance\u00a0 \u00a0 ACCION DE TUTELA PARA CUMPLIMIENTO DE SENTENCIAS-Procedencia en obligaci\u00f3n de hacer, como es el caso de reintegro de un trabajador \u00a0 REINTEGRO AL CARGO-Orden del juez laboral\/REINTEGRO AL CARGO-Obligaci\u00f3n de reintegro aunque la empresa se encuentre en proceso de liquidaci\u00f3n\u00a0 \u00a0 DERECHO DE PETICION-Naturaleza, contenido y elementos \u00a0 ACCION DE TUTELA-Reintegro al cargo \u00a0 Referencia: expediente T- 1738222 \u00a0 Acci\u00f3n de tutela instaurada por Hernando Cague\u00f1o Cabrera contra la Alcald\u00eda Municipal de Acac\u00edas, Meta. \u00a0 \u00a0 \u00a0 Magistrado Ponente: \u00a0 Dr. JAIME ARA\u00daJO RENTER\u00cdA \u00a0 Bogot\u00e1, D. C., once ...<br \/><div class=\"pt-cv-rmwrap\"><a href=\"https:\/\/www.dmsjuridica.com\/buscador_20179478954\/corteconstitucionalcronologico202454587\/t-272-08\/\" class=\"_self pt-cv-readmore btn btn-success\" target=\"_self\">Ver Sentencia Completa...<\/a><\/div><\/div><\/div><\/div>\n<div class=\"col-md-12 col-sm-12 col-xs-12 pt-cv-content-item pt-cv-1-col\" ><div class='pt-cv-ifield'><a href=\"https:\/\/www.dmsjuridica.com\/buscador_20179478954\/corteconstitucionalcronologico202454587\/t-271-08\/\" class=\"_self pt-cv-href-thumbnail pt-cv-thumb-default\" target=\"_self\" ><\/a>\n<div class=\"pt-cv-taxoterm above_title\"><a href='https:\/\/www.dmsjuridica.com\/buscador_20179478954\/corteconstitucionalcronologico202454587\/category\/buscar-en-toda-la-corte\/2008\/tutelas-2008\/' title='Tutelas 2008' class='pt-cv-tax-tutelas-2008'>Tutelas 2008<\/a><\/div>\n<h4 class=\"pt-cv-title\"><a href=\"https:\/\/www.dmsjuridica.com\/buscador_20179478954\/corteconstitucionalcronologico202454587\/t-271-08\/\" class=\"_self\" target=\"_self\" >T-271-08<\/a><\/h4>\n<div class=\"pt-cv-content\">\u00a0 \u00a0 Sentencia T-271\/08 \u00a0 SISBEN-Naturaleza\/SISBEN-Objeto \u00a0 ENTIDADES TERRITORIALES-Deber de informar a la ciudadan\u00eda sobre el acceso al servicio de salud y la consecuente atenci\u00f3n \u00a0 ENTIDADES TERRITORIALES-Responsabilidad de garantizar la atenci\u00f3n de los participantes vinculados y de informarles sobre las Empresas Sociales del Estado o las IPS a las que pueden acudir \u00a0 Acci\u00f3n de tutela instaurada por Nelly Amparo Pr\u00e9diga Morales, como agente oficiosa de Luz Marina Morales V\u00e1squez, contra la Direcci\u00f3n Seccional de Salud de Antioquia; con vinculaci\u00f3n oficiosa de la Direcci\u00f3n Local de Salud de Copacabana, la Cruz Roja de Copacabana y el Hospital Santa Margarita ...<br \/><div class=\"pt-cv-rmwrap\"><a href=\"https:\/\/www.dmsjuridica.com\/buscador_20179478954\/corteconstitucionalcronologico202454587\/t-271-08\/\" class=\"_self pt-cv-readmore btn btn-success\" target=\"_self\">Ver Sentencia Completa...<\/a><\/div><\/div><\/div><\/div>\n<div class=\"col-md-12 col-sm-12 col-xs-12 pt-cv-content-item pt-cv-1-col\" ><div class='pt-cv-ifield'><a href=\"https:\/\/www.dmsjuridica.com\/buscador_20179478954\/corteconstitucionalcronologico202454587\/t-270-08\/\" class=\"_self pt-cv-href-thumbnail pt-cv-thumb-default\" target=\"_self\" ><\/a>\n<div class=\"pt-cv-taxoterm above_title\"><a href='https:\/\/www.dmsjuridica.com\/buscador_20179478954\/corteconstitucionalcronologico202454587\/category\/buscar-en-toda-la-corte\/2008\/tutelas-2008\/' title='Tutelas 2008' class='pt-cv-tax-tutelas-2008'>Tutelas 2008<\/a><\/div>\n<h4 class=\"pt-cv-title\"><a href=\"https:\/\/www.dmsjuridica.com\/buscador_20179478954\/corteconstitucionalcronologico202454587\/t-270-08\/\" class=\"_self\" target=\"_self\" >T-270-08<\/a><\/h4>\n<div class=\"pt-cv-content\">\u00a0 \u00a0 Sentencia T-270\/08 \u00a0 CARGOS DE CARRERA-Provisi\u00f3n de empleos de los \u00f3rganos y entidades del Estado, incluida la Rama Judicial del Poder P\u00fablico \u00a0 EMPLEOS DE CARRERA Y DE LIBRE NOMBRAMIENTO Y REMOCION-Diferencias \u00a0 DERECHO A LA ESTABILIDAD LABORAL-Cargos en provisionalidad \u00a0 EMPLEADOS DE LIBRE NOMBRAMIENTO Y REMOCION Y CARGOS DE CARRERA-Consecuencias en cuanto a la estabilidad laboral \u00a0 DERECHO A LA ESTABILIDAD LABORAL-No se reduce por ocupar cargo de carrera administrativa en provisionalidad cuando no se ha hecho concurso \u00a0 SERVIDOR JUDICIAL-Condiciones objetivas para el traslado con base en el m\u00e9rito \u00a0 MADRE CABEZA DE FAMILIA-Debe probarse esa ...<br \/><div class=\"pt-cv-rmwrap\"><a href=\"https:\/\/www.dmsjuridica.com\/buscador_20179478954\/corteconstitucionalcronologico202454587\/t-270-08\/\" class=\"_self pt-cv-readmore btn btn-success\" target=\"_self\">Ver Sentencia Completa...<\/a><\/div><\/div><\/div><\/div>\n<div class=\"col-md-12 col-sm-12 col-xs-12 pt-cv-content-item pt-cv-1-col\" ><div class='pt-cv-ifield'><a href=\"https:\/\/www.dmsjuridica.com\/buscador_20179478954\/corteconstitucionalcronologico202454587\/t-269-08\/\" class=\"_self pt-cv-href-thumbnail pt-cv-thumb-default\" target=\"_self\" ><\/a>\n<div class=\"pt-cv-taxoterm above_title\"><a href='https:\/\/www.dmsjuridica.com\/buscador_20179478954\/corteconstitucionalcronologico202454587\/category\/buscar-en-toda-la-corte\/2008\/tutelas-2008\/' title='Tutelas 2008' class='pt-cv-tax-tutelas-2008'>Tutelas 2008<\/a><\/div>\n<h4 class=\"pt-cv-title\"><a href=\"https:\/\/www.dmsjuridica.com\/buscador_20179478954\/corteconstitucionalcronologico202454587\/t-269-08\/\" class=\"_self\" target=\"_self\" >T-269-08<\/a><\/h4>\n<div class=\"pt-cv-content\">\u00a0 \u00a0 Sentencia T-269\/08 \u00a0 ACCION DE TUTELA-Legitimaci\u00f3n de los extranjeros para instaurarla \u00a0 DERECHO A LA SALUD-Marco normativo de transplante de \u00f3rganos \u00a0 DERECHO A LA SALUD-Trasplante hep\u00e1tico a extranjero no residente en territorio nacional \u00a0 Referencia: expediente T-1782230 \u00a0 Acci\u00f3n de tutela interpuesta por Teodora Irene Seligmann Klein contra el Hospital Pablo Tob\u00f3n Uribe con citaci\u00f3n oficiosa de la Direcci\u00f3n Seccional de Salud del Departamento de Antioquia. \u00a0 Magistrado Ponente: \u00a0 Dr. JAIME ARA\u00daJO RENTER\u00cdA \u00a0 Bogot\u00e1 D.C., once (11) de marzo de dos mil ocho (2.008) \u00a0 La Sala Primera de Revisi\u00f3n de la Corte Constitucional, integrada ...<br \/><div class=\"pt-cv-rmwrap\"><a href=\"https:\/\/www.dmsjuridica.com\/buscador_20179478954\/corteconstitucionalcronologico202454587\/t-269-08\/\" class=\"_self pt-cv-readmore btn btn-success\" target=\"_self\">Ver Sentencia Completa...<\/a><\/div><\/div><\/div><\/div>\n<div class=\"col-md-12 col-sm-12 col-xs-12 pt-cv-content-item pt-cv-1-col\" ><div class='pt-cv-ifield'><a href=\"https:\/\/www.dmsjuridica.com\/buscador_20179478954\/corteconstitucionalcronologico202454587\/t-268-08\/\" class=\"_self pt-cv-href-thumbnail pt-cv-thumb-default\" target=\"_self\" ><\/a>\n<div class=\"pt-cv-taxoterm above_title\"><a href='https:\/\/www.dmsjuridica.com\/buscador_20179478954\/corteconstitucionalcronologico202454587\/category\/buscar-en-toda-la-corte\/2008\/tutelas-2008\/' title='Tutelas 2008' class='pt-cv-tax-tutelas-2008'>Tutelas 2008<\/a><\/div>\n<h4 class=\"pt-cv-title\"><a href=\"https:\/\/www.dmsjuridica.com\/buscador_20179478954\/corteconstitucionalcronologico202454587\/t-268-08\/\" class=\"_self\" target=\"_self\" >T-268-08<\/a><\/h4>\n<div class=\"pt-cv-content\">\u00a0 \u00a0 Sentencia T-268\/08 \u00a0 DEFENSORIA DEL PUEBLO-Legitimaci\u00f3n para interponer tutela cuando titular del derecho se encuentra en situaci\u00f3n de desamparo o indefensi\u00f3n \u00a0 DERECHO A LA VIVIENDA DIGNA-Fundamento constitucional \u00a0 DERECHO A LA VIVIENDA DIGNA-Fundamental por conexidad \u00a0 DERECHO A LA VIVIENDA DIGNA DE POBLACION DESPLAZADA-Alcance \u00a0 POBLACION DESPLAZADA-Protecci\u00f3n constitucional \u00a0 ENTIDADES FINANCIERAS, BURSATILES Y ASEGURADORAS-Ejercen funciones de inter\u00e9s p\u00fablico \u00a0 ACCION DE TUTELA-Improcedencia por existir hecho superado \u00a0 DERECHO A LA VIVIENDA DIGNA-Requisitos administrativos deben ceder a la condici\u00f3n de mujer cabeza de familia y desplazada \u00a0 DERECHO A LA VIVIENDA DIGNA-Hecho superado por haberse asignado el subsidio ...<br \/><div class=\"pt-cv-rmwrap\"><a href=\"https:\/\/www.dmsjuridica.com\/buscador_20179478954\/corteconstitucionalcronologico202454587\/t-268-08\/\" class=\"_self pt-cv-readmore btn btn-success\" target=\"_self\">Ver Sentencia Completa...<\/a><\/div><\/div><\/div><\/div>\n<div class=\"col-md-12 col-sm-12 col-xs-12 pt-cv-content-item pt-cv-1-col\" ><div class='pt-cv-ifield'><a href=\"https:\/\/www.dmsjuridica.com\/buscador_20179478954\/corteconstitucionalcronologico202454587\/t-267-08\/\" class=\"_self pt-cv-href-thumbnail pt-cv-thumb-default\" target=\"_self\" ><\/a>\n<div class=\"pt-cv-taxoterm above_title\"><a href='https:\/\/www.dmsjuridica.com\/buscador_20179478954\/corteconstitucionalcronologico202454587\/category\/buscar-en-toda-la-corte\/2008\/tutelas-2008\/' title='Tutelas 2008' class='pt-cv-tax-tutelas-2008'>Tutelas 2008<\/a><\/div>\n<h4 class=\"pt-cv-title\"><a href=\"https:\/\/www.dmsjuridica.com\/buscador_20179478954\/corteconstitucionalcronologico202454587\/t-267-08\/\" class=\"_self\" target=\"_self\" >T-267-08<\/a><\/h4>\n<div class=\"pt-cv-content\">\u00a0 \u00a0 Sentencia T-267\/08 \u00a0 HECHO SUPERADO-Concepto\/HECHO SUPERADO-Alcance y contenido \u00a0 ACCION DE TUTELA-Hecho superado antes de iniciarse proceso\/ACCION DE TUTELA-Hecho superado cuando est\u00e1 en tr\u00e1mite la revisi\u00f3n \u00a0 DERECHO A LA EDUCACION-Fundamental \u00a0 AUTONOMIA UNIVERSITARIA-Naturaleza, contenido y l\u00edmites \u00a0 AUTONOMIA UNIVERSITARIA-No es absoluta \u00a0 ACCION DE TUTELA-Carencia actual de objeto por cuanto la universidad permiti\u00f3 la matr\u00edcula a la actora \u00a0 AUTONOMIA UNIVERSITARIA-Vulneraci\u00f3n de los derechos fundamentales al libre desarrollo de la personalidad y a la educaci\u00f3n al negar matr\u00edcula \u00a0 Referencia: expediente T-1.736.664 \u00a0 Acci\u00f3n de tutela instaurada por Graciela Ospino Chac\u00f3n contra la Universidad Sim\u00f3n Bolivar. \u00a0 ...<br \/><div class=\"pt-cv-rmwrap\"><a href=\"https:\/\/www.dmsjuridica.com\/buscador_20179478954\/corteconstitucionalcronologico202454587\/t-267-08\/\" class=\"_self pt-cv-readmore btn btn-success\" target=\"_self\">Ver Sentencia Completa...<\/a><\/div><\/div><\/div><\/div>\n<div class=\"col-md-12 col-sm-12 col-xs-12 pt-cv-content-item pt-cv-1-col\" ><div class='pt-cv-ifield'><a href=\"https:\/\/www.dmsjuridica.com\/buscador_20179478954\/corteconstitucionalcronologico202454587\/t-266-08\/\" class=\"_self pt-cv-href-thumbnail pt-cv-thumb-default\" target=\"_self\" ><\/a>\n<div class=\"pt-cv-taxoterm above_title\"><a href='https:\/\/www.dmsjuridica.com\/buscador_20179478954\/corteconstitucionalcronologico202454587\/category\/buscar-en-toda-la-corte\/2008\/tutelas-2008\/' title='Tutelas 2008' class='pt-cv-tax-tutelas-2008'>Tutelas 2008<\/a><\/div>\n<h4 class=\"pt-cv-title\"><a href=\"https:\/\/www.dmsjuridica.com\/buscador_20179478954\/corteconstitucionalcronologico202454587\/t-266-08\/\" class=\"_self\" target=\"_self\" >T-266-08<\/a><\/h4>\n<div class=\"pt-cv-content\">\u00a0 \u00a0 Sentencia T-266\/08 \u00a0 ACCION DE TUTELA CONTRA PROVIDENCIAS JUDICIALES-Situaciones de procedencia \u00a0 ACCION DE TUTELA-Subsidiariedad e inmediatez \u00a0 ACCION DE TUTELA CONTRA PROVIDENCIAS JUDICIALES POR VIA DE HECHO-Causales especificas de procedibilidad \u00a0 RESTITUCION DE INMUEBLE ARRENDADO-Requisitos de la demanda \u00a0 VIA DE HECHO EN RESTITUCION DE INMUEBLE ARRENDADO-Improcedencia por no allegar la prueba de poseedora y no apelar la decisi\u00f3n \u00a0 Referencia: expediente T-1.736.565 \u00a0 Accionante: Mar\u00eda Gilma Guzm\u00e1n Moreno \u00a0 Demandado: Juzgado Cincuenta Civil Municipal de Bogot\u00e1 \u00a0 Magistrado Ponente:\u00a0 \u00a0 Dr. RODRIGO ESCOBAR GIL \u00a0 Bogot\u00e1 D.C., diez (10) de marzo de dos mil ocho (2008) ...<br \/><div class=\"pt-cv-rmwrap\"><a href=\"https:\/\/www.dmsjuridica.com\/buscador_20179478954\/corteconstitucionalcronologico202454587\/t-266-08\/\" class=\"_self pt-cv-readmore btn btn-success\" target=\"_self\">Ver Sentencia Completa...<\/a><\/div><\/div><\/div><\/div>\n<div class=\"col-md-12 col-sm-12 col-xs-12 pt-cv-content-item pt-cv-1-col\" ><div class='pt-cv-ifield'><a href=\"https:\/\/www.dmsjuridica.com\/buscador_20179478954\/corteconstitucionalcronologico202454587\/t-265-08\/\" class=\"_self pt-cv-href-thumbnail pt-cv-thumb-default\" target=\"_self\" ><\/a>\n<div class=\"pt-cv-taxoterm above_title\"><a href='https:\/\/www.dmsjuridica.com\/buscador_20179478954\/corteconstitucionalcronologico202454587\/category\/buscar-en-toda-la-corte\/2008\/tutelas-2008\/' title='Tutelas 2008' class='pt-cv-tax-tutelas-2008'>Tutelas 2008<\/a><\/div>\n<h4 class=\"pt-cv-title\"><a href=\"https:\/\/www.dmsjuridica.com\/buscador_20179478954\/corteconstitucionalcronologico202454587\/t-265-08\/\" class=\"_self\" target=\"_self\" >T-265-08<\/a><\/h4>\n<div class=\"pt-cv-content\">\u00a0 \u00a0 Sentencia T-265\/08 \u00a0 DERECHO A LA SALUD Y SEGURIDAD SOCIAL-Deben estar debidamente garantizados por el Estado \u00a0 DERECHO A LA SEGURIDAD SOCIAL EN SALUD-Car\u00e1cter prestacional \u00a0 ACCION DE TUTELA-Procedencia excepcional para protecci\u00f3n de derechos prestacionales \u00a0 ACCION DE TUTELA-Procedencia para reclamar procedimientos incluidos en el POS \u00a0 ACCION DE TUTELA CONTRA ENTIDAD PROMOTORA DE SALUD-Suministro y adaptaci\u00f3n de aud\u00edfonos \u00a0 DERECHO A LA SALUD DEL NI\u00d1O-Suministro de aud\u00edfonos previa evaluaci\u00f3n m\u00e9dica y si son autorizados deben ser suministrados por la EPS \u00a0 Referencia: expediente T-1.739.202 \u00a0 Accionante:\u00a0 \u00a0 Jos\u00e9 Benjam\u00edn Robayo Delgado \u00a0 Demandado:\u00a0 \u00a0 Coomeva E.P.S. \u00a0 ...<br \/><div class=\"pt-cv-rmwrap\"><a href=\"https:\/\/www.dmsjuridica.com\/buscador_20179478954\/corteconstitucionalcronologico202454587\/t-265-08\/\" class=\"_self pt-cv-readmore btn btn-success\" target=\"_self\">Ver Sentencia Completa...<\/a><\/div><\/div><\/div><\/div>\n<div class=\"col-md-12 col-sm-12 col-xs-12 pt-cv-content-item pt-cv-1-col\" ><div class='pt-cv-ifield'><a href=\"https:\/\/www.dmsjuridica.com\/buscador_20179478954\/corteconstitucionalcronologico202454587\/t-255-08\/\" class=\"_self pt-cv-href-thumbnail pt-cv-thumb-default\" target=\"_self\" ><\/a>\n<div class=\"pt-cv-taxoterm above_title\"><a href='https:\/\/www.dmsjuridica.com\/buscador_20179478954\/corteconstitucionalcronologico202454587\/category\/buscar-en-toda-la-corte\/2008\/tutelas-2008\/' title='Tutelas 2008' class='pt-cv-tax-tutelas-2008'>Tutelas 2008<\/a><\/div>\n<h4 class=\"pt-cv-title\"><a href=\"https:\/\/www.dmsjuridica.com\/buscador_20179478954\/corteconstitucionalcronologico202454587\/t-255-08\/\" class=\"_self\" target=\"_self\" >T-255-08<\/a><\/h4>\n<div class=\"pt-cv-content\">\u00a0 \u00a0 Sentencia T-255\/08 \u00a0 ACCION DE TUTELA CONTRA PARTICULARES-Casos en que procede \u00a0 ACCION DE TUTELA CONTRA PARTICULARES-Procedencia para ordenar expedici\u00f3n de paz y salvo de veh\u00edculo por violaci\u00f3n del derecho al trabajo y al m\u00ednimo vital propio y de la familia \u00a0 Referencia: expediente T-1.742.472 \u00a0 Accionante:\u00a0 \u00a0 Armando Villegas Collazos en representaci\u00f3n de Sandra Jackeline Garc\u00eda. \u00a0 Demandado:\u00a0 \u00a0 Radio Taxi aeropuerto S.A.\u00a0 \u00a0 Magistrado Ponente:\u00a0 \u00a0 Dr. RODRIGO ESCOBAR GIL \u00a0 Bogot\u00e1, D.C., diez (10) de marzo dos mil ocho (2008) \u00a0 La Sala Cuarta de Revisi\u00f3n de la Corte Constitucional, integrada por los Magistrados Rodrigo ...<br \/><div class=\"pt-cv-rmwrap\"><a href=\"https:\/\/www.dmsjuridica.com\/buscador_20179478954\/corteconstitucionalcronologico202454587\/t-255-08\/\" class=\"_self pt-cv-readmore btn btn-success\" target=\"_self\">Ver Sentencia Completa...<\/a><\/div><\/div><\/div><\/div>\n<div class=\"col-md-12 col-sm-12 col-xs-12 pt-cv-content-item pt-cv-1-col\" ><div class='pt-cv-ifield'><a href=\"https:\/\/www.dmsjuridica.com\/buscador_20179478954\/corteconstitucionalcronologico202454587\/t-254-08\/\" class=\"_self pt-cv-href-thumbnail pt-cv-thumb-default\" target=\"_self\" ><\/a>\n<div class=\"pt-cv-taxoterm above_title\"><a href='https:\/\/www.dmsjuridica.com\/buscador_20179478954\/corteconstitucionalcronologico202454587\/category\/buscar-en-toda-la-corte\/2008\/tutelas-2008\/' title='Tutelas 2008' class='pt-cv-tax-tutelas-2008'>Tutelas 2008<\/a><\/div>\n<h4 class=\"pt-cv-title\"><a href=\"https:\/\/www.dmsjuridica.com\/buscador_20179478954\/corteconstitucionalcronologico202454587\/t-254-08\/\" class=\"_self\" target=\"_self\" >T-254-08<\/a><\/h4>\n<div class=\"pt-cv-content\">\u00a0 \u00a0 Sentencia T-254\/08 \u00a0 ACUERDOS DE REESTRUCTURACION DE ENTIDADES TERRITORIALES-Finalidad\u00a0 \u00a0 PROCESO REESTRUCTURACION DE ADMINISTRATIVA EN ENTIDADES DEL ESTADO-Plan de protecci\u00f3n denominado \"ret\u00e9n social\u201d tendiente a garantizar la estabilidad laboral a las madres cabeza de familia, discapacitados y servidores pr\u00f3ximos a pensionarse \u00a0 PROGRAMA DE RENOVACION DE LA ADMINISTRACION PUBLICA-Liquidaci\u00f3n de Adpostal \u00a0 PREPENSIONADOS DE ADPOSTAL-Protecci\u00f3n \u00a0 ACCION DE TUTELA-Reintegro al cargo de los actores, prepensionados de Adpostal y compensaci\u00f3n de obligaciones \u00a0 Referencia: expedientes acumulados T-1716296, T-1716318 y T-1736511 \u00a0 Acciones de tutela interpuestas de manera independiente por Ramiro Portela Manrique, Alirio Antonio Caicedo Santos y Wilson Armin ...<br \/><div class=\"pt-cv-rmwrap\"><a href=\"https:\/\/www.dmsjuridica.com\/buscador_20179478954\/corteconstitucionalcronologico202454587\/t-254-08\/\" class=\"_self pt-cv-readmore btn btn-success\" target=\"_self\">Ver Sentencia Completa...<\/a><\/div><\/div><\/div><\/div>\n<div class=\"col-md-12 col-sm-12 col-xs-12 pt-cv-content-item pt-cv-1-col\" ><div class='pt-cv-ifield'><a href=\"https:\/\/www.dmsjuridica.com\/buscador_20179478954\/corteconstitucionalcronologico202454587\/t-253-08\/\" class=\"_self pt-cv-href-thumbnail pt-cv-thumb-default\" target=\"_self\" ><\/a>\n<div class=\"pt-cv-taxoterm above_title\"><a href='https:\/\/www.dmsjuridica.com\/buscador_20179478954\/corteconstitucionalcronologico202454587\/category\/buscar-en-toda-la-corte\/2008\/tutelas-2008\/' title='Tutelas 2008' class='pt-cv-tax-tutelas-2008'>Tutelas 2008<\/a><\/div>\n<h4 class=\"pt-cv-title\"><a href=\"https:\/\/www.dmsjuridica.com\/buscador_20179478954\/corteconstitucionalcronologico202454587\/t-253-08\/\" class=\"_self\" target=\"_self\" >T-253-08<\/a><\/h4>\n<div class=\"pt-cv-content\">\u00a0 \u00a0 Sentencia T-253\/08 \u00a0 DERECHO A LA SALUD FRENTE A SUJETOS DE ESPECIAL PROTECCION-Fundamental \u00a0 DERECHO A LA SALUD DE PERSONA DE LA TERCERA EDAD-Protecci\u00f3n especial \u00a0 SUJETOS DE ESPECIAL PROTECCION CONSTITUCIONAL-Deberes m\u00ednimos de las autoridades estatales \u00a0 SUJETOS DE ESPECIAL PROTECCION CONSTITUCIONAL-Atenci\u00f3n m\u00e9dica integral \u00a0 SUJETOS DE ESPECIAL PROTECCION CONSTITUCIONAL-Atenci\u00f3n m\u00e9dica comprende el examen diagn\u00f3stico \u00a0 DERECHO A LA SALUD-Incorpora el derecho al diagn\u00f3stico \u00a0 DERECHO AL DIAGNOSTICO-Concepto\u00a0 \u00a0 ACCION DE TUTELA CONTRA ENTIDAD PROMOTORA DE SALUD-Procedencia para ordenar examen de mesa basculante \u00a0 Referencia: expediente T-1.741.441 \u00a0 Magistrado Ponente: \u00a0 Dr. HUMBERTO ANTONIO SIERRA PORTO \u00a0 Bogot\u00e1 ...<br \/><div class=\"pt-cv-rmwrap\"><a href=\"https:\/\/www.dmsjuridica.com\/buscador_20179478954\/corteconstitucionalcronologico202454587\/t-253-08\/\" class=\"_self pt-cv-readmore btn btn-success\" target=\"_self\">Ver Sentencia Completa...<\/a><\/div><\/div><\/div><\/div>\n<div class=\"col-md-12 col-sm-12 col-xs-12 pt-cv-content-item pt-cv-1-col\" ><div class='pt-cv-ifield'><a href=\"https:\/\/www.dmsjuridica.com\/buscador_20179478954\/corteconstitucionalcronologico202454587\/t-252-08\/\" class=\"_self pt-cv-href-thumbnail pt-cv-thumb-default\" target=\"_self\" ><\/a>\n<div class=\"pt-cv-taxoterm above_title\"><a href='https:\/\/www.dmsjuridica.com\/buscador_20179478954\/corteconstitucionalcronologico202454587\/category\/buscar-en-toda-la-corte\/2008\/tutelas-2008\/' title='Tutelas 2008' class='pt-cv-tax-tutelas-2008'>Tutelas 2008<\/a><\/div>\n<h4 class=\"pt-cv-title\"><a href=\"https:\/\/www.dmsjuridica.com\/buscador_20179478954\/corteconstitucionalcronologico202454587\/t-252-08\/\" class=\"_self\" target=\"_self\" >T-252-08<\/a><\/h4>\n<div class=\"pt-cv-content\">\u00a0 \u00a0 Sentencia T-252\/08 \u00a0 ACCION DE TUTELA CONTRA PROVIDENCIAS JUDICIALES-Jurisprudencia constitucional consolidada sobre procedencia \u00a0 ACCION DE TUTELA CONTRA PROVIDENCIAS JUDICIALES-Requisitos de procedibilidad \u00a0 ACCION DE TUTELA CONTRA PROVIDENCIAS JUDICIALES -Requisitos generales de procedibilidad \u00a0 ACCION DE TUTELA CONTRA PROVIDENCIAS JUDICIALES-Requisitos especiales de procedibilidad \u00a0 ACCION DE TUTELA CONTRA PROVIDENCIAS JUDICIALES-Defectos \u00a0 ACCION DE TUTELA DE COLPATRIA CONTRA SENTENCIA DEL TRIBUNAL-Existencia de t\u00edtulo ejecutivo \u00a0 ACCION DE TUTELA CONTRA PROVIDENCIAS JUDICIALES-Improcedencia por no evidenciarse \u00a0presencia de defectos o vicios dentro de la providencia objeto de an\u00e1lisis \u00a0 Referencia: expediente T-1.741.581 \u00a0 Acci\u00f3n de tutela instaurada por Nubia Vera de ...<br \/><div class=\"pt-cv-rmwrap\"><a href=\"https:\/\/www.dmsjuridica.com\/buscador_20179478954\/corteconstitucionalcronologico202454587\/t-252-08\/\" class=\"_self pt-cv-readmore btn btn-success\" target=\"_self\">Ver Sentencia Completa...<\/a><\/div><\/div><\/div><\/div>\n<div class=\"col-md-12 col-sm-12 col-xs-12 pt-cv-content-item pt-cv-1-col\" ><div class='pt-cv-ifield'><a href=\"https:\/\/www.dmsjuridica.com\/buscador_20179478954\/corteconstitucionalcronologico202454587\/t-251-08\/\" class=\"_self pt-cv-href-thumbnail pt-cv-thumb-default\" target=\"_self\" ><\/a>\n<div class=\"pt-cv-taxoterm above_title\"><a href='https:\/\/www.dmsjuridica.com\/buscador_20179478954\/corteconstitucionalcronologico202454587\/category\/buscar-en-toda-la-corte\/2008\/tutelas-2008\/' title='Tutelas 2008' class='pt-cv-tax-tutelas-2008'>Tutelas 2008<\/a><\/div>\n<h4 class=\"pt-cv-title\"><a href=\"https:\/\/www.dmsjuridica.com\/buscador_20179478954\/corteconstitucionalcronologico202454587\/t-251-08\/\" class=\"_self\" target=\"_self\" >T-251-08<\/a><\/h4>\n<div class=\"pt-cv-content\">\u00a0 \u00a0 Sentencia T-251\/08 \u00a0 DERECHO DE PETICION-Alcance y contenido \u00a0 DERECHO DE PETICION ANTE PARTICULARES-Situaciones que se presentan \u00a0 DERECHO DE PETICION-Contenido esencial \u00a0 ACCION DE TUTELA CONTRA PARTICULARES-Subordinaci\u00f3n e indefensi\u00f3n \u00a0 CONTRATO DE TRABAJO-Elementos esenciales \u00a0 CONTRATO DE TRABAJO-Subordinaci\u00f3n laboral \u00a0 DERECHO DE PETICION ANTE ORGANIZACIONES PRIVADAS-Derechos laborales del trabajador hace exigible respuesta a\u00fan de particulares \u00a0 DERECHO DE PETICION-Extrabajador a quien la entidad no le ha resuelto una solicitud de expedici\u00f3n de copias de los contratos de trabajo y sus pr\u00f3rrogas \u00a0 Referencia: expediente T-1.744.271 \u00a0 Acci\u00f3n de tutela instaurada por Jos\u00e9 del Carmen Pinto Bernal y ...<br \/><div class=\"pt-cv-rmwrap\"><a href=\"https:\/\/www.dmsjuridica.com\/buscador_20179478954\/corteconstitucionalcronologico202454587\/t-251-08\/\" class=\"_self pt-cv-readmore btn btn-success\" target=\"_self\">Ver Sentencia Completa...<\/a><\/div><\/div><\/div><\/div>\n<div class=\"col-md-12 col-sm-12 col-xs-12 pt-cv-content-item pt-cv-1-col\" ><div class='pt-cv-ifield'><a href=\"https:\/\/www.dmsjuridica.com\/buscador_20179478954\/corteconstitucionalcronologico202454587\/t-250-08\/\" class=\"_self pt-cv-href-thumbnail pt-cv-thumb-default\" target=\"_self\" ><\/a>\n<div class=\"pt-cv-taxoterm above_title\"><a href='https:\/\/www.dmsjuridica.com\/buscador_20179478954\/corteconstitucionalcronologico202454587\/category\/buscar-en-toda-la-corte\/2008\/tutelas-2008\/' title='Tutelas 2008' class='pt-cv-tax-tutelas-2008'>Tutelas 2008<\/a><\/div>\n<h4 class=\"pt-cv-title\"><a href=\"https:\/\/www.dmsjuridica.com\/buscador_20179478954\/corteconstitucionalcronologico202454587\/t-250-08\/\" class=\"_self\" target=\"_self\" >T-250-08<\/a><\/h4>\n<div class=\"pt-cv-content\">\u00a0 \u00a0 Sentencia T-250\/08 \u00a0 IUS VARIANDI-Alcance y l\u00edmites \u00a0 IUS VARIANDI-Reglas que deben observarse \u00a0 IUS VARIANDI-Ejercicio por el patrono dentro de un marco de razonabilidad sometido al cumplimiento de condiciones \u00a0 IUS VARIANDI-Procedencia excepcional en caso de traslados de funcionarios \u00a0 ACCION DE TUTELA-Procedencia para ordenar traslado de docente con el fin de proteger los derechos fundamentales de los hijos menores y de c\u00f3nyuge gravemente enferma \u00a0 Referencia: expediente T-1781507 \u00a0 Acci\u00f3n de tutela instaurada por Jos\u00e9 Alberto Gualdr\u00f3n Bar\u00f3n contra Departamento de Santander y otros. \u00a0 Magistrado Ponente:\u00a0 \u00a0 Dr. HUMBERTO ANTONIO SIERRA PORTO \u00a0 Bogot\u00e1, D.C., ...<br \/><div class=\"pt-cv-rmwrap\"><a href=\"https:\/\/www.dmsjuridica.com\/buscador_20179478954\/corteconstitucionalcronologico202454587\/t-250-08\/\" class=\"_self pt-cv-readmore btn btn-success\" target=\"_self\">Ver Sentencia Completa...<\/a><\/div><\/div><\/div><\/div>\n<div class=\"col-md-12 col-sm-12 col-xs-12 pt-cv-content-item pt-cv-1-col\" ><div class='pt-cv-ifield'><a href=\"https:\/\/www.dmsjuridica.com\/buscador_20179478954\/corteconstitucionalcronologico202454587\/t-249-08\/\" class=\"_self pt-cv-href-thumbnail pt-cv-thumb-default\" target=\"_self\" ><\/a>\n<div class=\"pt-cv-taxoterm above_title\"><a href='https:\/\/www.dmsjuridica.com\/buscador_20179478954\/corteconstitucionalcronologico202454587\/category\/buscar-en-toda-la-corte\/2008\/tutelas-2008\/' title='Tutelas 2008' class='pt-cv-tax-tutelas-2008'>Tutelas 2008<\/a><\/div>\n<h4 class=\"pt-cv-title\"><a href=\"https:\/\/www.dmsjuridica.com\/buscador_20179478954\/corteconstitucionalcronologico202454587\/t-249-08\/\" class=\"_self\" target=\"_self\" >T-249-08<\/a><\/h4>\n<div class=\"pt-cv-content\">\u00a0 \u00a0 Sentencia T-249\/08 \u00a0 ACCION DE TUTELA CONTRA PROVIDENCIAS JUDICIALES-Requisitos generales de procedencia \u00a0 ACCION DE TUTELA CONTRA PROVIDENCIAS JUDICIALES-Procedencia por no existir otro medio de defensa judicial \u00a0 ACCION DE TUTELA-Se cumple la inmediatez \u00a0 FUERO SINDICAL-Protecci\u00f3n constitucional \u00a0 FUERO SINDICAL-T\u00e9rmino de dos meses para la presentaci\u00f3n de la demanda de restituci\u00f3n o reintegro por vulneraci\u00f3n del fuero sindical \u00a0 FUERO SINDICAL-Momentos en desarrollo del derecho del empleador a obtener autorizaci\u00f3n del juez del trabajo para dar por terminada la relaci\u00f3n laboral del trabajador aforado\u00a0 \u00a0 LEVANTAMIENTO DE FUERO SINDICAL-T\u00e9rmino de dos meses para instaurar la acci\u00f3n corre ...<br \/><div class=\"pt-cv-rmwrap\"><a href=\"https:\/\/www.dmsjuridica.com\/buscador_20179478954\/corteconstitucionalcronologico202454587\/t-249-08\/\" class=\"_self pt-cv-readmore btn btn-success\" target=\"_self\">Ver Sentencia Completa...<\/a><\/div><\/div><\/div><\/div>\n<div class=\"col-md-12 col-sm-12 col-xs-12 pt-cv-content-item pt-cv-1-col\" ><div class='pt-cv-ifield'><a href=\"https:\/\/www.dmsjuridica.com\/buscador_20179478954\/corteconstitucionalcronologico202454587\/t-248-08\/\" class=\"_self pt-cv-href-thumbnail pt-cv-thumb-default\" target=\"_self\" ><\/a>\n<div class=\"pt-cv-taxoterm above_title\"><a href='https:\/\/www.dmsjuridica.com\/buscador_20179478954\/corteconstitucionalcronologico202454587\/category\/buscar-en-toda-la-corte\/2008\/tutelas-2008\/' title='Tutelas 2008' class='pt-cv-tax-tutelas-2008'>Tutelas 2008<\/a><\/div>\n<h4 class=\"pt-cv-title\"><a href=\"https:\/\/www.dmsjuridica.com\/buscador_20179478954\/corteconstitucionalcronologico202454587\/t-248-08\/\" class=\"_self\" target=\"_self\" >T-248-08<\/a><\/h4>\n<div class=\"pt-cv-content\">\u00a0 \u00a0 Sentencia T-248\/08 \u00a0 ACCION DE TUTELA-Procedencia para reconocimiento de prestaciones en materia pensional si su desconocimiento compromete de forma conexa derechos fundamentales \u00a0 ACCION DE TUTELA-Para la procedencia del reconocimiento de una prestaci\u00f3n pensional debe acreditarse el cumplimiento de los requisitos legales y reglamentarios \u00a0 ACCION DE TUTELA-Requisitos para que proceda el reconocimiento, reajuste o pago de prestaciones pensionales \u00a0 PENSION DE VEJEZ-Concepto\/PENSION DE VEJEZ-Requisitos para la obtenci\u00f3n \u00a0 PENSION DE VEJEZ-R\u00e9gimen de transici\u00f3n \u00a0 PRINCIPIO DE FAVORABILIDAD LABORAL-Aplicaci\u00f3n \u00a0 PRINCIPIO DE FAVORABILIDAD LABORAL-Elementos \u00a0 DERECHO VIVIENTE-Aplicaci\u00f3n \u00a0 DERECHO VIVIENTE-Requisitos respecto de la interpretaci\u00f3n de una norma jur\u00eddica ...<br \/><div class=\"pt-cv-rmwrap\"><a href=\"https:\/\/www.dmsjuridica.com\/buscador_20179478954\/corteconstitucionalcronologico202454587\/t-248-08\/\" class=\"_self pt-cv-readmore btn btn-success\" target=\"_self\">Ver Sentencia Completa...<\/a><\/div><\/div><\/div><\/div>\n<div class=\"col-md-12 col-sm-12 col-xs-12 pt-cv-content-item pt-cv-1-col\" ><div class='pt-cv-ifield'><a href=\"https:\/\/www.dmsjuridica.com\/buscador_20179478954\/corteconstitucionalcronologico202454587\/t-247-08\/\" class=\"_self pt-cv-href-thumbnail pt-cv-thumb-default\" target=\"_self\" ><\/a>\n<div class=\"pt-cv-taxoterm above_title\"><a href='https:\/\/www.dmsjuridica.com\/buscador_20179478954\/corteconstitucionalcronologico202454587\/category\/buscar-en-toda-la-corte\/2008\/tutelas-2008\/' title='Tutelas 2008' class='pt-cv-tax-tutelas-2008'>Tutelas 2008<\/a><\/div>\n<h4 class=\"pt-cv-title\"><a href=\"https:\/\/www.dmsjuridica.com\/buscador_20179478954\/corteconstitucionalcronologico202454587\/t-247-08\/\" class=\"_self\" target=\"_self\" >T-247-08<\/a><\/h4>\n<div class=\"pt-cv-content\">\u00a0 \u00a0 Sentencia T-247\/08 \u00a0 ACCION DE TUTELA PARA EL PAGO DE LICENCIA DE MATERNIDAD-Procedencia excepcional \u00a0 ACCION DE TUTELA PARA EL PAGO DE LICENCIA DE MATERNIDAD-Requisitos de procedencia \u00a0 LICENCIA DE MATERNIDAD-T\u00e9rmino hasta de un a\u00f1o despu\u00e9s del nacimiento del ni\u00f1o para reclamar por tutela \u00a0 LICENCIA DE MATERNIDAD-Finalidad \u00a0 ACCION DE TUTELA-Pagos proporcionales o completos de la licencia de maternidad dependiendo del caso en los procesos acumulados\u00a0 \u00a0 LICENCIA DE MATERNIDAD-Protecci\u00f3n \u00a0 Referencia: expediente T-1736851 acumulado con los expedientes T-1737422, T-1737693, T-1739023, T-1739480, T-1740008, T-1740784, T-1742418. \u00a0 Acciones de tutela instauradas por Rubys Cervantes Prent contra Instituto de ...<br \/><div class=\"pt-cv-rmwrap\"><a href=\"https:\/\/www.dmsjuridica.com\/buscador_20179478954\/corteconstitucionalcronologico202454587\/t-247-08\/\" class=\"_self pt-cv-readmore btn btn-success\" target=\"_self\">Ver Sentencia Completa...<\/a><\/div><\/div><\/div><\/div>\n<div class=\"col-md-12 col-sm-12 col-xs-12 pt-cv-content-item pt-cv-1-col\" ><div class='pt-cv-ifield'><a href=\"https:\/\/www.dmsjuridica.com\/buscador_20179478954\/corteconstitucionalcronologico202454587\/t-246-08\/\" class=\"_self pt-cv-href-thumbnail pt-cv-thumb-default\" target=\"_self\" ><\/a>\n<div class=\"pt-cv-taxoterm above_title\"><a href='https:\/\/www.dmsjuridica.com\/buscador_20179478954\/corteconstitucionalcronologico202454587\/category\/buscar-en-toda-la-corte\/2008\/tutelas-2008\/' title='Tutelas 2008' class='pt-cv-tax-tutelas-2008'>Tutelas 2008<\/a><\/div>\n<h4 class=\"pt-cv-title\"><a href=\"https:\/\/www.dmsjuridica.com\/buscador_20179478954\/corteconstitucionalcronologico202454587\/t-246-08\/\" class=\"_self\" target=\"_self\" >T-246-08<\/a><\/h4>\n<div class=\"pt-cv-content\">\u00a0 \u00a0 Sentencia T-246\/08 \u00a0 ACCION DE TUTELA CONTRA PROVIDENCIAS JUDICIALES-Procedencia \u00a0 DEBIDO PROCESO-Obligatorio acatamiento en actuaciones disciplinarias \u00a0 DEBIDO PROCESO EN MATERIA DISCIPLINARIA-Observancia en todas las actuaciones \u00a0 Referencia: expediente T-1747805 \u00a0 Procedencia: Consejo Superior de la Judicatura, Sala Jurisdiccional Disciplinaria. \u00a0 Magistrado Ponente:\u00a0 \u00a0 Dr. NILSON PINILLA PINILLA \u00a0 Bogot\u00e1, D. C., seis (6) de marzo de dos mil ocho (2008). \u00a0 La Sala S\u00e9ptima de Revisi\u00f3n de la Corte Constitucional, integrada por los magistrados Nilson Pinilla Pinilla, Humberto Antonio Sierra Porto y Clara In\u00e9s Vargas Hern\u00e1ndez, en ejercicio de sus competencias constitucionales y legales, ha proferido la ...<br \/><div class=\"pt-cv-rmwrap\"><a href=\"https:\/\/www.dmsjuridica.com\/buscador_20179478954\/corteconstitucionalcronologico202454587\/t-246-08\/\" class=\"_self pt-cv-readmore btn btn-success\" target=\"_self\">Ver Sentencia Completa...<\/a><\/div><\/div><\/div><\/div>\n<div class=\"col-md-12 col-sm-12 col-xs-12 pt-cv-content-item pt-cv-1-col\" ><div class='pt-cv-ifield'><a href=\"https:\/\/www.dmsjuridica.com\/buscador_20179478954\/corteconstitucionalcronologico202454587\/t-245-08\/\" class=\"_self pt-cv-href-thumbnail pt-cv-thumb-default\" target=\"_self\" ><\/a>\n<div class=\"pt-cv-taxoterm above_title\"><a href='https:\/\/www.dmsjuridica.com\/buscador_20179478954\/corteconstitucionalcronologico202454587\/category\/buscar-en-toda-la-corte\/2008\/tutelas-2008\/' title='Tutelas 2008' class='pt-cv-tax-tutelas-2008'>Tutelas 2008<\/a><\/div>\n<h4 class=\"pt-cv-title\"><a href=\"https:\/\/www.dmsjuridica.com\/buscador_20179478954\/corteconstitucionalcronologico202454587\/t-245-08\/\" class=\"_self\" target=\"_self\" >T-245-08<\/a><\/h4>\n<div class=\"pt-cv-content\">\u00a0 \u00a0 Sentencia T-245\/08 \u00a0 DERECHO DE PETICION-Fundamental \u00a0 DERECHO DE PETICION-Contenido y alcance \u00a0 DERECHO DE PETICION EN MATERIA PENSIONAL-T\u00e9rminos \u00a0 DERECHO DE PETICION EN MATERIA PENSIONAL-Procedencia de tutela \u00a0 Referencia: expediente T-1741503 \u00a0 Acci\u00f3n de tutela instaurada, mediante apoderado, por Nohora In\u00e9s Bejarano de Salda\u00f1a contra la Caja Nacional de Previsi\u00f3n Social \u2013 Cajanal, EICE. \u00a0 Procedencia: Juzgado Cuarenta Penal del Circuito de Bogot\u00e1. \u00a0 Magistrado Ponente:\u00a0 \u00a0 Dr. NILSON PINILLA PINILLA\u00a0 \u00a0 Bogot\u00e1, D. C., seis (6) de marzo de dos mil ocho (2008). \u00a0 La Sala S\u00e9ptima de Revisi\u00f3n de la Corte Constitucional, integrada por los ...<br \/><div class=\"pt-cv-rmwrap\"><a href=\"https:\/\/www.dmsjuridica.com\/buscador_20179478954\/corteconstitucionalcronologico202454587\/t-245-08\/\" class=\"_self pt-cv-readmore btn btn-success\" target=\"_self\">Ver Sentencia Completa...<\/a><\/div><\/div><\/div><\/div>\n<div class=\"col-md-12 col-sm-12 col-xs-12 pt-cv-content-item pt-cv-1-col\" ><div class='pt-cv-ifield'><a href=\"https:\/\/www.dmsjuridica.com\/buscador_20179478954\/corteconstitucionalcronologico202454587\/t-244-08\/\" class=\"_self pt-cv-href-thumbnail pt-cv-thumb-default\" target=\"_self\" ><\/a>\n<div class=\"pt-cv-taxoterm above_title\"><a href='https:\/\/www.dmsjuridica.com\/buscador_20179478954\/corteconstitucionalcronologico202454587\/category\/buscar-en-toda-la-corte\/2008\/tutelas-2008\/' title='Tutelas 2008' class='pt-cv-tax-tutelas-2008'>Tutelas 2008<\/a><\/div>\n<h4 class=\"pt-cv-title\"><a href=\"https:\/\/www.dmsjuridica.com\/buscador_20179478954\/corteconstitucionalcronologico202454587\/t-244-08\/\" class=\"_self\" target=\"_self\" >T-244-08<\/a><\/h4>\n<div class=\"pt-cv-content\">\u00a0 \u00a0 \u00a0 \u00a0 Sentencia T-244\/08 \u00a0 DERECHO A LA DIGNIDAD HUMANA-Alcance \u00a0 ACCION DE TUTELA CONTRA ENTIDAD PROMOTORA DE SALUD-Requisitos para la prestaci\u00f3n de servicios m\u00e9dicos excluidos del POS \u00a0 ACCION DE TUTELA CONTRA ENTIDAD PROMOTORA DE SALUD-Procedencia para ordenar suministro de medicamentos excluidos del POS \u00a0 DERECHO A LA SALUD Y A LA VIDA DIGNA-Vulneraci\u00f3n por no autorizaci\u00f3n de \u201cdispositivo TVT. Transobturador \u00a0 Referencia: expediente T-1747346. \u00a0 Acci\u00f3n de tutela instaurada por Rosaura Mart\u00ednez, contra Humanavivir EPS. \u00a0 Procedencia: Juzgado Promiscuo Municipal de San Lorenzo, Nari\u00f1o. \u00a0 Magistrado Ponente: \u00a0 Dr. NILSON PINILLA PINILLA \u00a0 Bogot\u00e1, D. C., ...<br \/><div class=\"pt-cv-rmwrap\"><a href=\"https:\/\/www.dmsjuridica.com\/buscador_20179478954\/corteconstitucionalcronologico202454587\/t-244-08\/\" class=\"_self pt-cv-readmore btn btn-success\" target=\"_self\">Ver Sentencia Completa...<\/a><\/div><\/div><\/div><\/div>\n<div class=\"col-md-12 col-sm-12 col-xs-12 pt-cv-content-item pt-cv-1-col\" ><div class='pt-cv-ifield'><a href=\"https:\/\/www.dmsjuridica.com\/buscador_20179478954\/corteconstitucionalcronologico202454587\/t-243-08\/\" class=\"_self pt-cv-href-thumbnail pt-cv-thumb-default\" target=\"_self\" ><\/a>\n<div class=\"pt-cv-taxoterm above_title\"><a href='https:\/\/www.dmsjuridica.com\/buscador_20179478954\/corteconstitucionalcronologico202454587\/category\/buscar-en-toda-la-corte\/2008\/tutelas-2008\/' title='Tutelas 2008' class='pt-cv-tax-tutelas-2008'>Tutelas 2008<\/a><\/div>\n<h4 class=\"pt-cv-title\"><a href=\"https:\/\/www.dmsjuridica.com\/buscador_20179478954\/corteconstitucionalcronologico202454587\/t-243-08\/\" class=\"_self\" target=\"_self\" >T-243-08<\/a><\/h4>\n<div class=\"pt-cv-content\">\u00a0 \u00a0 Sentencia T-243\/08 \u00a0 ACCION DE TUTELA CONTRA PROVIDENCIAS JUDICIALES POR VIA DE HECHO-Causales gen\u00e9ricas y especiales de procedencia \u00a0 DERECHO DE ACCESO A LA ADMINISTRACION DE JUSTICIA-Alcance y contenido \u00a0 PROCESOS CONCURSALES-Regulaci\u00f3n \u00a0 PROCESOS CONCURSALES-Tr\u00e1mites y competencia \u00a0 SUPERINTENDENCIA DE SOCIEDADES-Funci\u00f3n jurisdiccional en procesos concursales \u00a0 SUPERINTENDENCIA DE SOCIEDADES-Facultad para tramitar liquidaciones obligatorias de oficio o a petici\u00f3n del deudor \u00a0 FUERO DE ATRACCION-Finalidad \u00a0 FUERO DE ATRACCION-Rige para la liquidaci\u00f3n obligatoria\u00a0 \u00a0 ACCION DE TUTELA CONTRA PROVIDENCIAS JUDICIALES POR VIA DE HECHO-Defecto sustantivo por aplicaci\u00f3n de la Ley 222 de 1995, art\u00edculo 99 \u00a0 ACCION DE TUTELA ...<br \/><div class=\"pt-cv-rmwrap\"><a href=\"https:\/\/www.dmsjuridica.com\/buscador_20179478954\/corteconstitucionalcronologico202454587\/t-243-08\/\" class=\"_self pt-cv-readmore btn btn-success\" target=\"_self\">Ver Sentencia Completa...<\/a><\/div><\/div><\/div><\/div>\n<div class=\"col-md-12 col-sm-12 col-xs-12 pt-cv-content-item pt-cv-1-col\" ><div class='pt-cv-ifield'><a href=\"https:\/\/www.dmsjuridica.com\/buscador_20179478954\/corteconstitucionalcronologico202454587\/t-242-08\/\" class=\"_self pt-cv-href-thumbnail pt-cv-thumb-default\" target=\"_self\" ><\/a>\n<div class=\"pt-cv-taxoterm above_title\"><a href='https:\/\/www.dmsjuridica.com\/buscador_20179478954\/corteconstitucionalcronologico202454587\/category\/buscar-en-toda-la-corte\/2008\/tutelas-2008\/' title='Tutelas 2008' class='pt-cv-tax-tutelas-2008'>Tutelas 2008<\/a><\/div>\n<h4 class=\"pt-cv-title\"><a href=\"https:\/\/www.dmsjuridica.com\/buscador_20179478954\/corteconstitucionalcronologico202454587\/t-242-08\/\" class=\"_self\" target=\"_self\" >T-242-08<\/a><\/h4>\n<div class=\"pt-cv-content\">\u00a0 \u00a0 Sentencia T-242\/08 \u00a0 TEMERIDAD-Configuraci\u00f3n \u00a0 ACCION DE TUTELA CONTRA TELECOM-Improcedencia por cuanto el actor no prob\u00f3 los requisitos para ser considerado padre cabeza de familia \u00a0 Referencia: expediente T-1715689 \u00a0 Acci\u00f3n de tutela instaurada por Jorge Luis Alandete Aparicio contra el Consorcio de Remanentes de Telecom, conformado por la Fiduciaria La Previsora S.A., Fiduagraria S.A. y Fiduciaria Popular S.A. \u00a0 Magistrado Ponente: \u00a0 Dr. MANUEL JOS\u00c9 CEPEDA ESPINOSA \u00a0 Bogot\u00e1, D.C., seis (6) de marzo de dos mil ocho (2008). \u00a0 La Sala Segunda de Revisi\u00f3n de la Corte Constitucional, integrada por los magistrados Manuel Jos\u00e9 Cepeda Espinosa, ...<br \/><div class=\"pt-cv-rmwrap\"><a href=\"https:\/\/www.dmsjuridica.com\/buscador_20179478954\/corteconstitucionalcronologico202454587\/t-242-08\/\" class=\"_self pt-cv-readmore btn btn-success\" target=\"_self\">Ver Sentencia Completa...<\/a><\/div><\/div><\/div><\/div>\n<div class=\"col-md-12 col-sm-12 col-xs-12 pt-cv-content-item pt-cv-1-col\" ><div class='pt-cv-ifield'><a href=\"https:\/\/www.dmsjuridica.com\/buscador_20179478954\/corteconstitucionalcronologico202454587\/t-241-08\/\" class=\"_self pt-cv-href-thumbnail pt-cv-thumb-default\" target=\"_self\" ><\/a>\n<div class=\"pt-cv-taxoterm above_title\"><a href='https:\/\/www.dmsjuridica.com\/buscador_20179478954\/corteconstitucionalcronologico202454587\/category\/buscar-en-toda-la-corte\/2008\/tutelas-2008\/' title='Tutelas 2008' class='pt-cv-tax-tutelas-2008'>Tutelas 2008<\/a><\/div>\n<h4 class=\"pt-cv-title\"><a href=\"https:\/\/www.dmsjuridica.com\/buscador_20179478954\/corteconstitucionalcronologico202454587\/t-241-08\/\" class=\"_self\" target=\"_self\" >T-241-08<\/a><\/h4>\n<div class=\"pt-cv-content\"> ...<br \/><div class=\"pt-cv-rmwrap\"><a href=\"https:\/\/www.dmsjuridica.com\/buscador_20179478954\/corteconstitucionalcronologico202454587\/t-241-08\/\" class=\"_self pt-cv-readmore btn btn-success\" target=\"_self\">Ver Sentencia Completa...<\/a><\/div><\/div><\/div><\/div>\n<div class=\"col-md-12 col-sm-12 col-xs-12 pt-cv-content-item pt-cv-1-col\" ><div class='pt-cv-ifield'><a href=\"https:\/\/www.dmsjuridica.com\/buscador_20179478954\/corteconstitucionalcronologico202454587\/t-240-08\/\" class=\"_self pt-cv-href-thumbnail pt-cv-thumb-default\" target=\"_self\" ><\/a>\n<div class=\"pt-cv-taxoterm above_title\"><a href='https:\/\/www.dmsjuridica.com\/buscador_20179478954\/corteconstitucionalcronologico202454587\/category\/buscar-en-toda-la-corte\/2008\/tutelas-2008\/' title='Tutelas 2008' class='pt-cv-tax-tutelas-2008'>Tutelas 2008<\/a><\/div>\n<h4 class=\"pt-cv-title\"><a href=\"https:\/\/www.dmsjuridica.com\/buscador_20179478954\/corteconstitucionalcronologico202454587\/t-240-08\/\" class=\"_self\" target=\"_self\" >T-240-08<\/a><\/h4>\n<div class=\"pt-cv-content\">\u00a0 \u00a0 Sentencia T-240\/08 \u00a0 ACCION DE TUTELA CONTRA PROVIDENCIAS JUDICIALES-Requisitos generales de procedencia \u00a0 ACCION DE TUTELA CONTRA PROVIDENCIAS JUDICIALES-Requisitos especiales de procedibilidad\u00a0 \u00a0 ACCION DE TUTELA CONTRA PROVIDENCIAS JUDICIALES-Improcedencia por cuanto no se violaron derechos fundamentales \u00a0 Acci\u00f3n de tutela promovida por Luz Stella Monsalve Garc\u00eda contra la Fiscal\u00eda 46 Delegada ante el Tribunal Superior de Bogot\u00e1, Fiscal\u00eda Cuarta Especializada Antisecuestro y Extorsi\u00f3n de Bogot\u00e1 y Fiscal\u00eda General de la Naci\u00f3n. \u00a0 Magistrado Ponente: \u00a0 Dr. MARCO GERARDO MONROY CABRA \u00a0 Bogot\u00e1 D. C., seis (6) de marzo de dos mil ocho (2008). \u00a0 La Sala Sexta de ...<br \/><div class=\"pt-cv-rmwrap\"><a href=\"https:\/\/www.dmsjuridica.com\/buscador_20179478954\/corteconstitucionalcronologico202454587\/t-240-08\/\" class=\"_self pt-cv-readmore btn btn-success\" target=\"_self\">Ver Sentencia Completa...<\/a><\/div><\/div><\/div><\/div>\n<div class=\"col-md-12 col-sm-12 col-xs-12 pt-cv-content-item pt-cv-1-col\" ><div class='pt-cv-ifield'><a href=\"https:\/\/www.dmsjuridica.com\/buscador_20179478954\/corteconstitucionalcronologico202454587\/t-239-08\/\" class=\"_self pt-cv-href-thumbnail pt-cv-thumb-default\" target=\"_self\" ><\/a>\n<div class=\"pt-cv-taxoterm above_title\"><a href='https:\/\/www.dmsjuridica.com\/buscador_20179478954\/corteconstitucionalcronologico202454587\/category\/buscar-en-toda-la-corte\/2008\/tutelas-2008\/' title='Tutelas 2008' class='pt-cv-tax-tutelas-2008'>Tutelas 2008<\/a><\/div>\n<h4 class=\"pt-cv-title\"><a href=\"https:\/\/www.dmsjuridica.com\/buscador_20179478954\/corteconstitucionalcronologico202454587\/t-239-08\/\" class=\"_self\" target=\"_self\" >T-239-08<\/a><\/h4>\n<div class=\"pt-cv-content\">\u00a0 \u00a0 Sentencia T-239\/08 \u00a0 ACCION DE TUTELA-Condiciones de procedencia excepcional para reconocimiento de pensiones \u00a0 ACCION DE TUTELA EN MATERIA PENSIONAL-Procedencia excepcional \u00a0 ACCION DE TUTELA PARA RECONOCIMIENTO DE PENSION DE VEJEZ-Procedencia cuando se vulneran derechos fundamentales \u00a0 DERECHO A LA SEGURIDAD SOCIAL EN PENSIONES-Fundamental por conexidad \u00a0 ENTIDAD ADMINISTRADORA DE PENSIONES-Mecanismos para el cobro y sanci\u00f3n por cancelaci\u00f3n extempor\u00e1nea de aportes \u00a0 ENTIDAD ADMINISTRADORA DE PENSIONES-Debe exigir al patrono la cancelaci\u00f3n de aportes \u00a0 ENTIDAD ADMINISTRADORA DE PENSIONES-No puede hacer recaer sobre el trabajador las consecuencias negativas derivadas de la mora o la falta de descuento del empleador ...<br \/><div class=\"pt-cv-rmwrap\"><a href=\"https:\/\/www.dmsjuridica.com\/buscador_20179478954\/corteconstitucionalcronologico202454587\/t-239-08\/\" class=\"_self pt-cv-readmore btn btn-success\" target=\"_self\">Ver Sentencia Completa...<\/a><\/div><\/div><\/div><\/div>\n<div class=\"col-md-12 col-sm-12 col-xs-12 pt-cv-content-item pt-cv-1-col\" ><div class='pt-cv-ifield'><a href=\"https:\/\/www.dmsjuridica.com\/buscador_20179478954\/corteconstitucionalcronologico202454587\/t-238-08\/\" class=\"_self pt-cv-href-thumbnail pt-cv-thumb-default\" target=\"_self\" ><\/a>\n<div class=\"pt-cv-taxoterm above_title\"><a href='https:\/\/www.dmsjuridica.com\/buscador_20179478954\/corteconstitucionalcronologico202454587\/category\/buscar-en-toda-la-corte\/2008\/tutelas-2008\/' title='Tutelas 2008' class='pt-cv-tax-tutelas-2008'>Tutelas 2008<\/a><\/div>\n<h4 class=\"pt-cv-title\"><a href=\"https:\/\/www.dmsjuridica.com\/buscador_20179478954\/corteconstitucionalcronologico202454587\/t-238-08\/\" class=\"_self\" target=\"_self\" >T-238-08<\/a><\/h4>\n<div class=\"pt-cv-content\">\u00a0 \u00a0 SENTENCIA T-238\/2008 \u00a0 (Marzo 4 de 2008) \u00a0 ACCION DE TUTELA PARA EVITAR PERJUICIO IRREMEDIABLE-Procedencia\u00a0 \u00a0 EMPRESA DE SERVICIOS TEMPORALES-Finalidad de los l\u00edmites establecidos en la ley \u00a0 EMPRESA DE SERVICIOS TEMPORALES Y EMPRESA USUARIA-Las dos pueden ser sujeto pasivo de acci\u00f3n de tutela \u00a0 PRINCIPIO DE ESTABILIDAD EN EL EMPLEO-Alcance \u00a0 ESTABILIDAD LABORAL REFORZADA-Protecci\u00f3n constitucional especial \u00a0 ESTABILIDAD LABORAL REFORZADA-Aplicaci\u00f3n no solo a contratos de trabajo a t\u00e9rmino indefinido, sino tambi\u00e9n en aquellos casos en que los contratos son de duraci\u00f3n espec\u00edfica \u00a0 DERECHO A LA ESTABILIDAD LABORAL REFORZADA DEL DISCAPACITADO-Protecci\u00f3n \u00a0 DERECHO A LA ESTABILIDAD LABORAL ...<br \/><div class=\"pt-cv-rmwrap\"><a href=\"https:\/\/www.dmsjuridica.com\/buscador_20179478954\/corteconstitucionalcronologico202454587\/t-238-08\/\" class=\"_self pt-cv-readmore btn btn-success\" target=\"_self\">Ver Sentencia Completa...<\/a><\/div><\/div><\/div><\/div>\n<div class=\"col-md-12 col-sm-12 col-xs-12 pt-cv-content-item pt-cv-1-col\" ><div class='pt-cv-ifield'><a href=\"https:\/\/www.dmsjuridica.com\/buscador_20179478954\/corteconstitucionalcronologico202454587\/t-237-08\/\" class=\"_self pt-cv-href-thumbnail pt-cv-thumb-default\" target=\"_self\" ><\/a>\n<div class=\"pt-cv-taxoterm above_title\"><a href='https:\/\/www.dmsjuridica.com\/buscador_20179478954\/corteconstitucionalcronologico202454587\/category\/buscar-en-toda-la-corte\/2008\/tutelas-2008\/' title='Tutelas 2008' class='pt-cv-tax-tutelas-2008'>Tutelas 2008<\/a><\/div>\n<h4 class=\"pt-cv-title\"><a href=\"https:\/\/www.dmsjuridica.com\/buscador_20179478954\/corteconstitucionalcronologico202454587\/t-237-08\/\" class=\"_self\" target=\"_self\" >T-237-08<\/a><\/h4>\n<div class=\"pt-cv-content\">\u00a0 \u00a0 Sentencia T-237\/08 \u00a0 (Marzo 4 de 2008) \u00a0 ACCION DE TUTELA-Procedencia excepcional para resolver litigios que se suscitan entre los afiliados al Sistema de Seguridad Social, sus beneficiarios o usuarios, los empleadores y las entidades administradoras o prestadoras y de los actos jur\u00eddicos que se controviertan \u00a0 REGIMEN DE AHORRO INDIVIDUAL CON SOLIDARIDAD-Personas excluidas \u00a0 LEY 100 DE 1993-Interpretaci\u00f3n constitucional del art\u00edculo 61B \u00a0 NEGOCIACION ANTICIPADA DEL BONO PENSIONAL-Imposibilidad de seguir cotizando hasta cumplir 500 semanas \u00a0 LEY 100 DE 1993-Constitucionalidad del art\u00edculo 61 no constituye un impedimento para que su contenido se aplique atendiendo las circunstancias de ...<br \/><div class=\"pt-cv-rmwrap\"><a href=\"https:\/\/www.dmsjuridica.com\/buscador_20179478954\/corteconstitucionalcronologico202454587\/t-237-08\/\" class=\"_self pt-cv-readmore btn btn-success\" target=\"_self\">Ver Sentencia Completa...<\/a><\/div><\/div><\/div><\/div>\n<div class=\"col-md-12 col-sm-12 col-xs-12 pt-cv-content-item pt-cv-1-col\" ><div class='pt-cv-ifield'><a href=\"https:\/\/www.dmsjuridica.com\/buscador_20179478954\/corteconstitucionalcronologico202454587\/t-236-08\/\" class=\"_self pt-cv-href-thumbnail pt-cv-thumb-default\" target=\"_self\" ><\/a>\n<div class=\"pt-cv-taxoterm above_title\"><a href='https:\/\/www.dmsjuridica.com\/buscador_20179478954\/corteconstitucionalcronologico202454587\/category\/buscar-en-toda-la-corte\/2008\/tutelas-2008\/' title='Tutelas 2008' class='pt-cv-tax-tutelas-2008'>Tutelas 2008<\/a><\/div>\n<h4 class=\"pt-cv-title\"><a href=\"https:\/\/www.dmsjuridica.com\/buscador_20179478954\/corteconstitucionalcronologico202454587\/t-236-08\/\" class=\"_self\" target=\"_self\" >T-236-08<\/a><\/h4>\n<div class=\"pt-cv-content\">\u00a0 \u00a0 Sentencia T-236\/08 \u00a0 (Marzo 4 de 2008) \u00a0 PENSION DE INVALIDEZ-Fundamental por conexidad \u00a0 PENSION DE INVALIDEZ-Procedencia excepcional de la acci\u00f3n de tutela para exigir el reconocimiento y pago \u00a0 PENSION DE INVALIDEZ-Requisitos para su reconocimiento\u00a0 \u00a0 PENSION DE INVALIDEZ-Pago por allanamiento a la mora\u00a0 \u00a0 ENTIDAD ADMINISTRADORA DE PENSIONES-No puede negarse a otorgar la pensi\u00f3n de invalidez a una persona que ha reunido los requisitos escud\u00e1ndose en que el empleador no traslad\u00f3 las cotizaciones a la entidad administradora de pensiones o no descont\u00f3 de su salario los aportes para la pensi\u00f3n\u00a0 \u00a0 ACCION DE TUTELA-Pago de pensi\u00f3n ...<br \/><div class=\"pt-cv-rmwrap\"><a href=\"https:\/\/www.dmsjuridica.com\/buscador_20179478954\/corteconstitucionalcronologico202454587\/t-236-08\/\" class=\"_self pt-cv-readmore btn btn-success\" target=\"_self\">Ver Sentencia Completa...<\/a><\/div><\/div><\/div><\/div>\n<div class=\"col-md-12 col-sm-12 col-xs-12 pt-cv-content-item pt-cv-1-col\" ><div class='pt-cv-ifield'><a href=\"https:\/\/www.dmsjuridica.com\/buscador_20179478954\/corteconstitucionalcronologico202454587\/t-235-08\/\" class=\"_self pt-cv-href-thumbnail pt-cv-thumb-default\" target=\"_self\" ><\/a>\n<div class=\"pt-cv-taxoterm above_title\"><a href='https:\/\/www.dmsjuridica.com\/buscador_20179478954\/corteconstitucionalcronologico202454587\/category\/buscar-en-toda-la-corte\/2008\/tutelas-2008\/' title='Tutelas 2008' class='pt-cv-tax-tutelas-2008'>Tutelas 2008<\/a><\/div>\n<h4 class=\"pt-cv-title\"><a href=\"https:\/\/www.dmsjuridica.com\/buscador_20179478954\/corteconstitucionalcronologico202454587\/t-235-08\/\" class=\"_self\" target=\"_self\" >T-235-08<\/a><\/h4>\n<div class=\"pt-cv-content\">\u00a0 \u00a0 Sentencia T-235\/08 \u00a0 SUPERINTENDENCIA DE SOCIEDADES-Diferencias respecto de organismos que componen la Rama Judicial \u00a0 SUPERINTENDENCIA DE SOCIEDADES-Debido proceso y protecci\u00f3n de los derechos fundamentales de las partes que hagan o lleguen a ser parte del tr\u00e1mite concursal o liquidatorio \u00a0 PROCEDIMIENTO CONCURSAL-Car\u00e1cter garantista respecto de derechos de trabajadores \u00a0 ACCION DE TUTELA CONTRA PROVIDENCIAS JUDICIALES DE LA SUPERINTENDENCIA DE SOCIEDADES CUANDO ADELANTA PROCESOS CONCURSALES-Procedencia \u00a0 ACCION DE TUTELA CONTRA PROVIDENCIAS JUDICIALES-Evoluci\u00f3n jurisprudencial \u00a0 ACCION DE TUTELA CONTRA PROVIDENCIAS JUDICIALES-Causales de procedibilidad \u00a0 ACCION DE TUTELA CONTRA PROVIDENCIAS JUDICIALES DE LA SUPERINTENDENCIA DE SOCIEDADES-Improcedencia\u00a0 \u00a0 Referencia: expediente T-1737959 ...<br \/><div class=\"pt-cv-rmwrap\"><a href=\"https:\/\/www.dmsjuridica.com\/buscador_20179478954\/corteconstitucionalcronologico202454587\/t-235-08\/\" class=\"_self pt-cv-readmore btn btn-success\" target=\"_self\">Ver Sentencia Completa...<\/a><\/div><\/div><\/div><\/div>\n<div class=\"col-md-12 col-sm-12 col-xs-12 pt-cv-content-item pt-cv-1-col\" ><div class='pt-cv-ifield'><a href=\"https:\/\/www.dmsjuridica.com\/buscador_20179478954\/corteconstitucionalcronologico202454587\/t-234-08\/\" class=\"_self pt-cv-href-thumbnail pt-cv-thumb-default\" target=\"_self\" ><\/a>\n<div class=\"pt-cv-taxoterm above_title\"><a href='https:\/\/www.dmsjuridica.com\/buscador_20179478954\/corteconstitucionalcronologico202454587\/category\/buscar-en-toda-la-corte\/2008\/tutelas-2008\/' title='Tutelas 2008' class='pt-cv-tax-tutelas-2008'>Tutelas 2008<\/a><\/div>\n<h4 class=\"pt-cv-title\"><a href=\"https:\/\/www.dmsjuridica.com\/buscador_20179478954\/corteconstitucionalcronologico202454587\/t-234-08\/\" class=\"_self\" target=\"_self\" >T-234-08<\/a><\/h4>\n<div class=\"pt-cv-content\">DERECHO A LA EDUCACION-Caracter\u00edsticas esenciales y fines generales \u00a0 DERECHO A LA EDUCACION-Fundamental de aplicaci\u00f3n inmediata \u00a0 AUTONOMIA UNIVERSITARIA-Alcance y l\u00edmites\/AUTONOMIA UNIVERSITARIA-Aumento de matr\u00edcula exorbitante \u00a0 DERECHO A LA EDUCACION Y DEBIDO PROCESO-Vulneraci\u00f3n \u00a0 \u00a0 Referencia: expediente T-1736077 \u00a0 Acci\u00f3n de tutela instaurada por Ang\u00e9lica Mar\u00eda Torn\u00e9 Ram\u00edrez contra la Universidad del Atl\u00e1ntico. \u00a0 Magistrada Ponente: \u00a0 Dra. CLARA IN\u00c9S VARGAS HERN\u00c1NDEZ \u00a0 Bogot\u00e1, D.C., seis (6) de marzo de dos mil ocho (2008). \u00a0 La Sala Novena de Revisi\u00f3n de la Corte Constitucional, integrada por los Magistrados CLARA IN\u00c9S VARGAS HERN\u00c1NDEZ, JAIME ARA\u00daJO RENTER\u00cdA y MANUEL JOS\u00c9 CEPEDA ESPINOSA, ...<br \/><div class=\"pt-cv-rmwrap\"><a href=\"https:\/\/www.dmsjuridica.com\/buscador_20179478954\/corteconstitucionalcronologico202454587\/t-234-08\/\" class=\"_self pt-cv-readmore btn btn-success\" target=\"_self\">Ver Sentencia Completa...<\/a><\/div><\/div><\/div><\/div>\n<div class=\"col-md-12 col-sm-12 col-xs-12 pt-cv-content-item pt-cv-1-col\" ><div class='pt-cv-ifield'><a href=\"https:\/\/www.dmsjuridica.com\/buscador_20179478954\/corteconstitucionalcronologico202454587\/t-233-08\/\" class=\"_self pt-cv-href-thumbnail pt-cv-thumb-default\" target=\"_self\" ><\/a>\n<div class=\"pt-cv-taxoterm above_title\"><a href='https:\/\/www.dmsjuridica.com\/buscador_20179478954\/corteconstitucionalcronologico202454587\/category\/buscar-en-toda-la-corte\/2008\/tutelas-2008\/' title='Tutelas 2008' class='pt-cv-tax-tutelas-2008'>Tutelas 2008<\/a><\/div>\n<h4 class=\"pt-cv-title\"><a href=\"https:\/\/www.dmsjuridica.com\/buscador_20179478954\/corteconstitucionalcronologico202454587\/t-233-08\/\" class=\"_self\" target=\"_self\" >T-233-08<\/a><\/h4>\n<div class=\"pt-cv-content\">\u00a0 \u00a0 Sentencia T-233\/08 \u00a0 AGENCIA OFICIOSA EN TUTELA-Requisitos \u00a0 AGENCIA OFICIOSA EN TUTELA-Legitimaci\u00f3n por activa \u00a0 DERECHO A LA SALUD-Fundamental por conexidad con la vida\u00a0 \u00a0 SISTEMA GENERAL DE SEGURIDAD SOCIAL EN SALUD-Pago de cuotas moderadoras \u00a0 SISTEMA GENERAL DE SALUD-Casos excepcionales en que se inaplica el pago de cuotas moderadoras \u00a0 DERECHO A LA SALUD-Normatividad y jurisprudencia constitucional sobre copagos y cuotas moderadoras \u00a0 SISTEMA GENERAL DE SEGURIDAD SOCIAL EN SALUD-Cuotas moderadoras o copagos no pueden convertirse en barreras de acceso al servicio para personas que no tienen recursos econ\u00f3micos \u00a0 INCAPACIDAD ECONOMICA EN MATERIA DE SALUD-Carga de ...<br \/><div class=\"pt-cv-rmwrap\"><a href=\"https:\/\/www.dmsjuridica.com\/buscador_20179478954\/corteconstitucionalcronologico202454587\/t-233-08\/\" class=\"_self pt-cv-readmore btn btn-success\" target=\"_self\">Ver Sentencia Completa...<\/a><\/div><\/div><\/div><\/div>\n<div class=\"col-md-12 col-sm-12 col-xs-12 pt-cv-content-item pt-cv-1-col\" ><div class='pt-cv-ifield'><a href=\"https:\/\/www.dmsjuridica.com\/buscador_20179478954\/corteconstitucionalcronologico202454587\/t-232-08\/\" class=\"_self pt-cv-href-thumbnail pt-cv-thumb-default\" target=\"_self\" ><\/a>\n<div class=\"pt-cv-taxoterm above_title\"><a href='https:\/\/www.dmsjuridica.com\/buscador_20179478954\/corteconstitucionalcronologico202454587\/category\/buscar-en-toda-la-corte\/2008\/tutelas-2008\/' title='Tutelas 2008' class='pt-cv-tax-tutelas-2008'>Tutelas 2008<\/a><\/div>\n<h4 class=\"pt-cv-title\"><a href=\"https:\/\/www.dmsjuridica.com\/buscador_20179478954\/corteconstitucionalcronologico202454587\/t-232-08\/\" class=\"_self\" target=\"_self\" >T-232-08<\/a><\/h4>\n<div class=\"pt-cv-content\">\u00a0 \u00a0 Sentencia T-232\/08 \u00a0 PRESUNCION DE VERACIDAD EN TUTELA-Consecuencia jur\u00eddica \u00a0 ACCION DE TUTELA-Procedencia excepcional pago de acreencias laborales \u00a0 DERECHO AL MINIMO VITAL-Pago oportuno de salarios \u00a0 DERECHO AL PAGO OPORTUNO DEL SALARIO-Hip\u00f3tesis f\u00e1cticas m\u00ednimas de vulneraci\u00f3n\/DERECHO AL MINIMO VITAL DEL TRABAJADOR-Hip\u00f3tesis f\u00e1cticas m\u00ednimas de vulneraci\u00f3n por no pago de salarios \u00a0 EMPLEADOR-Situaci\u00f3n econ\u00f3mica o presupuestal no es \u00f3bice para desconocer pago de salarios \u00a0 ACCION DE TUTELA-Pago de salarios atrasados \u00a0 Referencia: expedientes T-1742304 y T-1787374 (Acumulados) \u00a0 Acci\u00f3n de tutela interpuesta por Jos\u00e9 Gabriel Cubillos Morr\u00f3n contra el Municipio de Ci\u00e9naga Magdalena\u00a0 \u00a0 Acci\u00f3n de tutela ...<br \/><div class=\"pt-cv-rmwrap\"><a href=\"https:\/\/www.dmsjuridica.com\/buscador_20179478954\/corteconstitucionalcronologico202454587\/t-232-08\/\" class=\"_self pt-cv-readmore btn btn-success\" target=\"_self\">Ver Sentencia Completa...<\/a><\/div><\/div><\/div><\/div>\n<div class=\"col-md-12 col-sm-12 col-xs-12 pt-cv-content-item pt-cv-1-col\" ><div class='pt-cv-ifield'><a href=\"https:\/\/www.dmsjuridica.com\/buscador_20179478954\/corteconstitucionalcronologico202454587\/t-231-08\/\" class=\"_self pt-cv-href-thumbnail pt-cv-thumb-default\" target=\"_self\" ><\/a>\n<div class=\"pt-cv-taxoterm above_title\"><a href='https:\/\/www.dmsjuridica.com\/buscador_20179478954\/corteconstitucionalcronologico202454587\/category\/buscar-en-toda-la-corte\/2008\/tutelas-2008\/' title='Tutelas 2008' class='pt-cv-tax-tutelas-2008'>Tutelas 2008<\/a><\/div>\n<h4 class=\"pt-cv-title\"><a href=\"https:\/\/www.dmsjuridica.com\/buscador_20179478954\/corteconstitucionalcronologico202454587\/t-231-08\/\" class=\"_self\" target=\"_self\" >T-231-08<\/a><\/h4>\n<div class=\"pt-cv-content\">\u00a0 \u00a0 Sentencia T-231\/08 \u00a0 TEMERIDAD-Concepto \u00a0 ACCION DE TUTELA TEMERARIA-Sanciones \u00a0 ACCION DE TUTELA TEMERARIA-Requisitos \u00a0 ACTUACION TEMERARIA EN TUTELA-Presentaci\u00f3n de varias tutelas conlleva al rechazo o decisi\u00f3n desfavorable conforme al art. 38 del Decreto 2591\/91 \u00a0 ACCION DE TUTELA CONTRA TELECOM-Improcedencia por cuanto los actores no re\u00fanen las condiciones para ser considerados padre o madre cabeza de familia \u00a0 ACCION DE TUTELA CONTRA TELECOM-Improcedencia por cuanto no se puede derivar la opci\u00f3n de presentar m\u00e1s de una acci\u00f3n de tutela para perseguir el pago de salarios y prestaciones seg\u00fan lineamientos de la sentencia T-592 de 2006 \u00a0 Referencia: ...<br \/><div class=\"pt-cv-rmwrap\"><a href=\"https:\/\/www.dmsjuridica.com\/buscador_20179478954\/corteconstitucionalcronologico202454587\/t-231-08\/\" class=\"_self pt-cv-readmore btn btn-success\" target=\"_self\">Ver Sentencia Completa...<\/a><\/div><\/div><\/div><\/div>\n<div class=\"col-md-12 col-sm-12 col-xs-12 pt-cv-content-item pt-cv-1-col\" ><div class='pt-cv-ifield'><a href=\"https:\/\/www.dmsjuridica.com\/buscador_20179478954\/corteconstitucionalcronologico202454587\/t-223-08\/\" class=\"_self pt-cv-href-thumbnail pt-cv-thumb-default\" target=\"_self\" ><\/a>\n<div class=\"pt-cv-taxoterm above_title\"><a href='https:\/\/www.dmsjuridica.com\/buscador_20179478954\/corteconstitucionalcronologico202454587\/category\/buscar-en-toda-la-corte\/2008\/tutelas-2008\/' title='Tutelas 2008' class='pt-cv-tax-tutelas-2008'>Tutelas 2008<\/a><\/div>\n<h4 class=\"pt-cv-title\"><a href=\"https:\/\/www.dmsjuridica.com\/buscador_20179478954\/corteconstitucionalcronologico202454587\/t-223-08\/\" class=\"_self\" target=\"_self\" >T-223-08<\/a><\/h4>\n<div class=\"pt-cv-content\">\u00a0 \u00a0 Sentencia T-223\/08 \u00a0 (Marzo 4 de 2008) \u00a0 CONTRATO DE MEDICINA PREPAGADA-Se rige por normas de derecho privado \u00a0 CONTRATO DE MEDICINA PREPAGADA-Procedencia excepcional de tutela \u00a0 SISTEMA DE SEGURIDAD SOCIAL EN SALUD-L\u00edmites a la libre escogencia de entidades que prestan el servicio \u00a0 ENTIDAD PROMOTORA DE SALUD-L\u00edmites para decidir las IPS con las que suscribe contratos \u00a0 ACCION DE TUTELA CONTRA ENTIDAD PROMOTORA DE SALUD-Improcedencia por carencia actual de objeto y por no vulneraci\u00f3n del derecho a la salud en conexidad con la vida\u00a0 \u00a0 Referencia: expediente T-1.731.766 \u00a0 Accionante: Eugenia Patricia C\u00e1rdenas Sierra en representaci\u00f3n del ...<br \/><div class=\"pt-cv-rmwrap\"><a href=\"https:\/\/www.dmsjuridica.com\/buscador_20179478954\/corteconstitucionalcronologico202454587\/t-223-08\/\" class=\"_self pt-cv-readmore btn btn-success\" target=\"_self\">Ver Sentencia Completa...<\/a><\/div><\/div><\/div><\/div>\n<div class=\"col-md-12 col-sm-12 col-xs-12 pt-cv-content-item pt-cv-1-col\" ><div class='pt-cv-ifield'><a href=\"https:\/\/www.dmsjuridica.com\/buscador_20179478954\/corteconstitucionalcronologico202454587\/t-222-08\/\" class=\"_self pt-cv-href-thumbnail pt-cv-thumb-default\" target=\"_self\" ><\/a>\n<div class=\"pt-cv-taxoterm above_title\"><a href='https:\/\/www.dmsjuridica.com\/buscador_20179478954\/corteconstitucionalcronologico202454587\/category\/buscar-en-toda-la-corte\/2008\/tutelas-2008\/' title='Tutelas 2008' class='pt-cv-tax-tutelas-2008'>Tutelas 2008<\/a><\/div>\n<h4 class=\"pt-cv-title\"><a href=\"https:\/\/www.dmsjuridica.com\/buscador_20179478954\/corteconstitucionalcronologico202454587\/t-222-08\/\" class=\"_self\" target=\"_self\" >T-222-08<\/a><\/h4>\n<div class=\"pt-cv-content\">\u00a0 \u00a0 Sentencia T-222\/08 \u00a0 (Marzo 4 de 2008) \u00a0 ACCION DE TUTELA-Criterios para determinar su procedencia cuando se afectan derechos colectivos \u00a0 JUEZ CONSTITUCIONAL-Demostraci\u00f3n fehaciente de que la vulneraci\u00f3n de un derecho colectivo conlleva la vulneraci\u00f3n de derechos fundamentales \u00a0 ACCION DE TUTELA-Improcedencia para proteger derechos colectivos \u00a0 Referencia: expediente T-1.733.328 \u00a0 Accionante: Dina Estela Arabia Ricardo, actuando como representante legal de la Asociaci\u00f3n de Vecinos del Rodeo - ASORODEO. \u00a0 Accionados: Municipio de Turbaco, Bol\u00edvar y Cooperativa Turbaco Limpio y Saludable \u00a0 Fallo de tutela objeto de revisi\u00f3n: sentencia del Juzgado Promiscuo Municipal de Turbaco, del 11 de ...<br \/><div class=\"pt-cv-rmwrap\"><a href=\"https:\/\/www.dmsjuridica.com\/buscador_20179478954\/corteconstitucionalcronologico202454587\/t-222-08\/\" class=\"_self pt-cv-readmore btn btn-success\" target=\"_self\">Ver Sentencia Completa...<\/a><\/div><\/div><\/div><\/div>\n<div class=\"col-md-12 col-sm-12 col-xs-12 pt-cv-content-item pt-cv-1-col\" ><div class='pt-cv-ifield'><a href=\"https:\/\/www.dmsjuridica.com\/buscador_20179478954\/corteconstitucionalcronologico202454587\/t-221-08\/\" class=\"_self pt-cv-href-thumbnail pt-cv-thumb-default\" target=\"_self\" ><\/a>\n<div class=\"pt-cv-taxoterm above_title\"><a href='https:\/\/www.dmsjuridica.com\/buscador_20179478954\/corteconstitucionalcronologico202454587\/category\/buscar-en-toda-la-corte\/2008\/tutelas-2008\/' title='Tutelas 2008' class='pt-cv-tax-tutelas-2008'>Tutelas 2008<\/a><\/div>\n<h4 class=\"pt-cv-title\"><a href=\"https:\/\/www.dmsjuridica.com\/buscador_20179478954\/corteconstitucionalcronologico202454587\/t-221-08\/\" class=\"_self\" target=\"_self\" >T-221-08<\/a><\/h4>\n<div class=\"pt-cv-content\">\u00a0 \u00a0 Sentencia T-221\/08 \u00a0 ACCION DE TUTELA-Car\u00e1cter subsidiario y residual por existencia de otro medio de defensa judicial \u00a0 FUNCION JURISDICCIONAL-Por excepci\u00f3n la pueden ejercer las autoridades administrativas \u00a0 AUTORIDAD DE POLICIA-Funci\u00f3n jurisdiccional \u00a0 VIA DE HECHO POR AUTORIDAD DE POLICIA-Configuraci\u00f3n de causales gen\u00e9ricas y espec\u00edficas para que prospere la acci\u00f3n tuitiva \u00a0 ACCION DE TUTELA CONTRA PROVIDENCIAS JUDICIALES-Procedencia excepcional \u00a0 ACCION DE TUTELA CONTRA PROVIDENCIAS JUDICIALES-Causales gen\u00e9ricas y especiales de procedibilidad \u00a0 ACCION DE TUTELA CONTRA PROVIDENCIAS JUDICIALES-Improcedencia cuando las partes no ejercen los recursos ordinarios y extraordinarios de defensa ante la Inspecci\u00f3n Municipal de Polic\u00eda \u00a0 Referencia: ...<br \/><div class=\"pt-cv-rmwrap\"><a href=\"https:\/\/www.dmsjuridica.com\/buscador_20179478954\/corteconstitucionalcronologico202454587\/t-221-08\/\" class=\"_self pt-cv-readmore btn btn-success\" target=\"_self\">Ver Sentencia Completa...<\/a><\/div><\/div><\/div><\/div>\n<div class=\"col-md-12 col-sm-12 col-xs-12 pt-cv-content-item pt-cv-1-col\" ><div class='pt-cv-ifield'><a href=\"https:\/\/www.dmsjuridica.com\/buscador_20179478954\/corteconstitucionalcronologico202454587\/t-220-08\/\" class=\"_self pt-cv-href-thumbnail pt-cv-thumb-default\" target=\"_self\" ><\/a>\n<div class=\"pt-cv-taxoterm above_title\"><a href='https:\/\/www.dmsjuridica.com\/buscador_20179478954\/corteconstitucionalcronologico202454587\/category\/buscar-en-toda-la-corte\/2008\/tutelas-2008\/' title='Tutelas 2008' class='pt-cv-tax-tutelas-2008'>Tutelas 2008<\/a><\/div>\n<h4 class=\"pt-cv-title\"><a href=\"https:\/\/www.dmsjuridica.com\/buscador_20179478954\/corteconstitucionalcronologico202454587\/t-220-08\/\" class=\"_self\" target=\"_self\" >T-220-08<\/a><\/h4>\n<div class=\"pt-cv-content\">\u00a0 \u00a0 Sentencia T-220\/08 \u00a0 REGIMEN SUBSIDIADO DE SEGURIDAD SOCIAL EN SALUD-Beneficiarios \u00a0 SISBEN-Definici\u00f3n\/SISBEN-Fundamento normativo como principal instrumento de focalizaci\u00f3n de gasto social y de identificaci\u00f3n de los potenciales beneficiarios del R\u00e9gimen Subsidiado \u00a0 ENTIDADES TERRITORIALES EN REGIMEN SUBSIDIADO DE SEGURIDAD SOCIAL EN SALUD-Deber de dar prioridad en estricto orden a ciertos grupos \u00a0 SISTEMA DE SEGURIDAD SOCIAL EN SALUD-Afiliaci\u00f3n al R\u00e9gimen Subsidiado \u00a0 SISBEN-Sistema de identificaci\u00f3n de potenciales beneficiarios \u00a0 SERVICIO DE SALUD-Deficiencias en las encuestas del SISBEN para la selecci\u00f3n de la poblaci\u00f3n pobre y vulnerable \u00a0 REGIMEN SUBSIDIADO-Especial selecci\u00f3n de personas discapacitadas en niveles del SISBEN\u00a0 \u00a0 ...<br \/><div class=\"pt-cv-rmwrap\"><a href=\"https:\/\/www.dmsjuridica.com\/buscador_20179478954\/corteconstitucionalcronologico202454587\/t-220-08\/\" class=\"_self pt-cv-readmore btn btn-success\" target=\"_self\">Ver Sentencia Completa...<\/a><\/div><\/div><\/div><\/div>\n<div class=\"col-md-12 col-sm-12 col-xs-12 pt-cv-content-item pt-cv-1-col\" ><div class='pt-cv-ifield'><a href=\"https:\/\/www.dmsjuridica.com\/buscador_20179478954\/corteconstitucionalcronologico202454587\/t-219-08\/\" class=\"_self pt-cv-href-thumbnail pt-cv-thumb-default\" target=\"_self\" ><\/a>\n<div class=\"pt-cv-taxoterm above_title\"><a href='https:\/\/www.dmsjuridica.com\/buscador_20179478954\/corteconstitucionalcronologico202454587\/category\/buscar-en-toda-la-corte\/2008\/tutelas-2008\/' title='Tutelas 2008' class='pt-cv-tax-tutelas-2008'>Tutelas 2008<\/a><\/div>\n<h4 class=\"pt-cv-title\"><a href=\"https:\/\/www.dmsjuridica.com\/buscador_20179478954\/corteconstitucionalcronologico202454587\/t-219-08\/\" class=\"_self\" target=\"_self\" >T-219-08<\/a><\/h4>\n<div class=\"pt-cv-content\">\u00a0 \u00a0 Sentencia T-219\/08 \u00a0 DERECHO A LA SALUD DEL MENOR-Caso en que se omiti\u00f3 programar una cita m\u00e9dica para determinar si debe someterse a la intervenci\u00f3n quir\u00fargica indicada por el m\u00e9dico tratante \u00a0 DERECHO A LA SALUD DEL NI\u00d1O-Fundamental\/RESPONSABILIDAD DE ENTIDAD PROMOTORA DE SALUD DEL REGIMEN SUBSIDIADO\/RESPONSABILIDAD DE ENTES TERRITORIALES EN ATENCION MEDICA DE POBLACION SUBSIDIADA \u00a0 La jurisprudencia de esta Corte ha sostenido que la protecci\u00f3n del derecho fundamental a la salud de los ni\u00f1os, no s\u00f3lo obedece al reconocimiento de su condici\u00f3n de sujeto de especial protecci\u00f3n constitucional -dada la circunstancia de indefensi\u00f3n en la que se ...<br \/><div class=\"pt-cv-rmwrap\"><a href=\"https:\/\/www.dmsjuridica.com\/buscador_20179478954\/corteconstitucionalcronologico202454587\/t-219-08\/\" class=\"_self pt-cv-readmore btn btn-success\" target=\"_self\">Ver Sentencia Completa...<\/a><\/div><\/div><\/div><\/div>\n<div class=\"col-md-12 col-sm-12 col-xs-12 pt-cv-content-item pt-cv-1-col\" ><div class='pt-cv-ifield'><a href=\"https:\/\/www.dmsjuridica.com\/buscador_20179478954\/corteconstitucionalcronologico202454587\/t-218-08\/\" class=\"_self pt-cv-href-thumbnail pt-cv-thumb-default\" target=\"_self\" ><\/a>\n<div class=\"pt-cv-taxoterm above_title\"><a href='https:\/\/www.dmsjuridica.com\/buscador_20179478954\/corteconstitucionalcronologico202454587\/category\/buscar-en-toda-la-corte\/2008\/tutelas-2008\/' title='Tutelas 2008' class='pt-cv-tax-tutelas-2008'>Tutelas 2008<\/a><\/div>\n<h4 class=\"pt-cv-title\"><a href=\"https:\/\/www.dmsjuridica.com\/buscador_20179478954\/corteconstitucionalcronologico202454587\/t-218-08\/\" class=\"_self\" target=\"_self\" >T-218-08<\/a><\/h4>\n<div class=\"pt-cv-content\">\u00a0 \u00a0 Sentencia T-218\/08 \u00a0 HECHO SUPERADO-Alcance \u00a0 ACCION DE TUTELA-Hecho superado por pago de incapacidades laborales \u00a0 Reiteraci\u00f3n de Jurisprudencia \u00a0 Referencia: expediente T-1737158 \u00a0 Acci\u00f3n de tutela instaurada por Richard Walter Montiel G\u00f3mez contra Colpatria ARS y Saludcoop EPS. \u00a0 Magistrado Ponente: \u00a0 Dr. JAIME C\u00d3RDOBA TRIVI\u00d1O \u00a0 Bogot\u00e1 D.C., cuatro (4) de marzo de dos mil ocho (2008). \u00a0 La Sala Tercera de Revisi\u00f3n de la Corte Constitucional, en ejercicio de sus competencias constitucionales y legales, espec\u00edficamente las previstas en los art\u00edculos 86 y 241 numeral 9 de la Constituci\u00f3n Pol\u00edtica y en el Decreto 2591 de ...<br \/><div class=\"pt-cv-rmwrap\"><a href=\"https:\/\/www.dmsjuridica.com\/buscador_20179478954\/corteconstitucionalcronologico202454587\/t-218-08\/\" class=\"_self pt-cv-readmore btn btn-success\" target=\"_self\">Ver Sentencia Completa...<\/a><\/div><\/div><\/div><\/div>\n<div class=\"col-md-12 col-sm-12 col-xs-12 pt-cv-content-item pt-cv-1-col\" ><div class='pt-cv-ifield'><a href=\"https:\/\/www.dmsjuridica.com\/buscador_20179478954\/corteconstitucionalcronologico202454587\/t-217-08\/\" class=\"_self pt-cv-href-thumbnail pt-cv-thumb-default\" target=\"_self\" ><\/a>\n<div class=\"pt-cv-taxoterm above_title\"><a href='https:\/\/www.dmsjuridica.com\/buscador_20179478954\/corteconstitucionalcronologico202454587\/category\/buscar-en-toda-la-corte\/2008\/tutelas-2008\/' title='Tutelas 2008' class='pt-cv-tax-tutelas-2008'>Tutelas 2008<\/a><\/div>\n<h4 class=\"pt-cv-title\"><a href=\"https:\/\/www.dmsjuridica.com\/buscador_20179478954\/corteconstitucionalcronologico202454587\/t-217-08\/\" class=\"_self\" target=\"_self\" >T-217-08<\/a><\/h4>\n<div class=\"pt-cv-content\">\u00a0 \u00a0 Sentencia T-217\/08 \u00a0 ACCION DE TUTELA CONTRA ENTIDAD PROMOTORA DE SALUD-Requisitos para suministro de medicamentos excluidos del POS \u00a0 INAPLICACION DE NORMAS DEL PLAN OBLIGATORIO DE SALUD-Reglas jurisprudenciales \u00a0 PRINCIPIO DE INTEGRALIDAD DEL SISTEMA DE SEGURIDAD SOCIAL-Definici\u00f3n\/SISTEMA DE SEGURIDAD SOCIAL EN SALUD-Protecci\u00f3n integral \u00a0 DERECHO A LA SALUD DEL MENOR DISCAPACITADO-Atenci\u00f3n integral y continua \u00a0 Referencia: expediente T-1744116 \u00a0 Acci\u00f3n de tutela promovida por Paola Gisela Mart\u00ednez Correa, en representaci\u00f3n de Mar\u00eda Camila Garc\u00eda Mart\u00ednez, contra CAFESALUD EPS. \u00a0 \u00a0 \u00a0 Magistrado Ponente: \u00a0 Dr. JAIME C\u00d3RDOBA TRIVI\u00d1O \u00a0 La Sala Tercera de Revisi\u00f3n de la Corte Constitucional, ...<br \/><div class=\"pt-cv-rmwrap\"><a href=\"https:\/\/www.dmsjuridica.com\/buscador_20179478954\/corteconstitucionalcronologico202454587\/t-217-08\/\" class=\"_self pt-cv-readmore btn btn-success\" target=\"_self\">Ver Sentencia Completa...<\/a><\/div><\/div><\/div><\/div>\n<div class=\"col-md-12 col-sm-12 col-xs-12 pt-cv-content-item pt-cv-1-col\" ><div class='pt-cv-ifield'><a href=\"https:\/\/www.dmsjuridica.com\/buscador_20179478954\/corteconstitucionalcronologico202454587\/t-216-08\/\" class=\"_self pt-cv-href-thumbnail pt-cv-thumb-default\" target=\"_self\" ><\/a>\n<div class=\"pt-cv-taxoterm above_title\"><a href='https:\/\/www.dmsjuridica.com\/buscador_20179478954\/corteconstitucionalcronologico202454587\/category\/buscar-en-toda-la-corte\/2008\/tutelas-2008\/' title='Tutelas 2008' class='pt-cv-tax-tutelas-2008'>Tutelas 2008<\/a><\/div>\n<h4 class=\"pt-cv-title\"><a href=\"https:\/\/www.dmsjuridica.com\/buscador_20179478954\/corteconstitucionalcronologico202454587\/t-216-08\/\" class=\"_self\" target=\"_self\" >T-216-08<\/a><\/h4>\n<div class=\"pt-cv-content\">\u00a0 \u00a0 Sentencia T-216\/08 \u00a0 ACCION DE TUTELA-Procedencia para proteger derecho a la salud \u00a0 DERECHO A LA SEGURIDAD SOCIAL EN SALUD-Doble car\u00e1cter \u00a0 ACCION DE TUTELA-Requisitos de procedencia para proteger derecho a la salud \u00a0 ACCION DE TUTELA-Eventos en que procede la protecci\u00f3n del derecho a la salud de manera urgente\u00a0 \u00a0 SUPERINTENDENCIA NACIONAL DE SALUD EN MATERIA DE SEGURIDAD SOCIAL EN SALUD-Facultades jurisdiccionales conferidas por la Ley 1122 de 2007 para dirimir controversias entre entidades promotoras de salud y los usuarios en relaci\u00f3n con garant\u00edas de prestaciones incluidas en los planes \u00a0 En relaci\u00f3n con la garant\u00eda de ...<br \/><div class=\"pt-cv-rmwrap\"><a href=\"https:\/\/www.dmsjuridica.com\/buscador_20179478954\/corteconstitucionalcronologico202454587\/t-216-08\/\" class=\"_self pt-cv-readmore btn btn-success\" target=\"_self\">Ver Sentencia Completa...<\/a><\/div><\/div><\/div><\/div>\n<div class=\"col-md-12 col-sm-12 col-xs-12 pt-cv-content-item pt-cv-1-col\" ><div class='pt-cv-ifield'><a href=\"https:\/\/www.dmsjuridica.com\/buscador_20179478954\/corteconstitucionalcronologico202454587\/t-215-08\/\" class=\"_self pt-cv-href-thumbnail pt-cv-thumb-default\" target=\"_self\" ><\/a>\n<div class=\"pt-cv-taxoterm above_title\"><a href='https:\/\/www.dmsjuridica.com\/buscador_20179478954\/corteconstitucionalcronologico202454587\/category\/buscar-en-toda-la-corte\/2008\/tutelas-2008\/' title='Tutelas 2008' class='pt-cv-tax-tutelas-2008'>Tutelas 2008<\/a><\/div>\n<h4 class=\"pt-cv-title\"><a href=\"https:\/\/www.dmsjuridica.com\/buscador_20179478954\/corteconstitucionalcronologico202454587\/t-215-08\/\" class=\"_self\" target=\"_self\" >T-215-08<\/a><\/h4>\n<div class=\"pt-cv-content\">\u00a0 \u00a0 Sentencia T-215\/08 \u00a0 ACCION DE TUTELA CONTRA ACTO ADMINISTRATIVO-Caso en que se suspendi\u00f3 provisionalmente parte de mesada pensional de Excongresista sin esperar a que se resolviera apelaci\u00f3n \u00a0 La jurisprudencia contencioso administrativa ha reiterado la improcedencia de la acci\u00f3n de nulidad y restablecimiento para atacar este tipo de actos administrativos, como bien recuerda el juez de segunda instancia, pues \u00e9stos, en principio, no contienen una manifestaci\u00f3n aut\u00f3noma de la volunta estatal que pueda ser controvertida jurisdiccionalmente, pues se limitan a dar cumplimiento a una providencia judicial que est\u00e1 en firme. En esa medida se tiene que en el ...<br \/><div class=\"pt-cv-rmwrap\"><a href=\"https:\/\/www.dmsjuridica.com\/buscador_20179478954\/corteconstitucionalcronologico202454587\/t-215-08\/\" class=\"_self pt-cv-readmore btn btn-success\" target=\"_self\">Ver Sentencia Completa...<\/a><\/div><\/div><\/div><\/div>\n<div class=\"col-md-12 col-sm-12 col-xs-12 pt-cv-content-item pt-cv-1-col\" ><div class='pt-cv-ifield'><a href=\"https:\/\/www.dmsjuridica.com\/buscador_20179478954\/corteconstitucionalcronologico202454587\/t-214-08\/\" class=\"_self pt-cv-href-thumbnail pt-cv-thumb-default\" target=\"_self\" ><\/a>\n<div class=\"pt-cv-taxoterm above_title\"><a href='https:\/\/www.dmsjuridica.com\/buscador_20179478954\/corteconstitucionalcronologico202454587\/category\/buscar-en-toda-la-corte\/2008\/tutelas-2008\/' title='Tutelas 2008' class='pt-cv-tax-tutelas-2008'>Tutelas 2008<\/a><\/div>\n<h4 class=\"pt-cv-title\"><a href=\"https:\/\/www.dmsjuridica.com\/buscador_20179478954\/corteconstitucionalcronologico202454587\/t-214-08\/\" class=\"_self\" target=\"_self\" >T-214-08<\/a><\/h4>\n<div class=\"pt-cv-content\">\u00a0 \u00a0 Sentencia T-214\/08 \u00a0 DERECHO A LA SALUD-Suministro de medicamentos excluidos del POS \u00a0 DOCTRINA CONSTITUCIONAL SOBRE DERECHOS-Su fundamentalidad no depende de la manera c\u00f3mo estos se hacen efectivos en la pr\u00e1ctica \u00a0 Toda esa concepci\u00f3n alrededor del derecho a la salud, entendido como un derecho de contenido prestacional y un servicio p\u00fablico de car\u00e1cter esencial cuya conexidad con un derecho fundamental alcanzaba a ser objeto de la acci\u00f3n constitucional de tutela, cambi\u00f3 a ra\u00edz de la sentencia T-016 de 2007, con la que se precisa la jurisprudencia y se resalta el car\u00e1cter de fundamental de todos los derechos, ...<br \/><div class=\"pt-cv-rmwrap\"><a href=\"https:\/\/www.dmsjuridica.com\/buscador_20179478954\/corteconstitucionalcronologico202454587\/t-214-08\/\" class=\"_self pt-cv-readmore btn btn-success\" target=\"_self\">Ver Sentencia Completa...<\/a><\/div><\/div><\/div><\/div>\n<div class=\"col-md-12 col-sm-12 col-xs-12 pt-cv-content-item pt-cv-1-col\" ><div class='pt-cv-ifield'><a href=\"https:\/\/www.dmsjuridica.com\/buscador_20179478954\/corteconstitucionalcronologico202454587\/t-213-08\/\" class=\"_self pt-cv-href-thumbnail pt-cv-thumb-default\" target=\"_self\" ><\/a>\n<div class=\"pt-cv-taxoterm above_title\"><a href='https:\/\/www.dmsjuridica.com\/buscador_20179478954\/corteconstitucionalcronologico202454587\/category\/buscar-en-toda-la-corte\/2008\/tutelas-2008\/' title='Tutelas 2008' class='pt-cv-tax-tutelas-2008'>Tutelas 2008<\/a><\/div>\n<h4 class=\"pt-cv-title\"><a href=\"https:\/\/www.dmsjuridica.com\/buscador_20179478954\/corteconstitucionalcronologico202454587\/t-213-08\/\" class=\"_self\" target=\"_self\" >T-213-08<\/a><\/h4>\n<div class=\"pt-cv-content\">\u00a0 \u00a0 Sentencia T-213\/08 \u00a0 VIA DE HECHO JUDICIAL-Doctrina constitucional \u00a0 ACCION DE TUTELA CONTRA PROVIDENCIAS JUDICIALES-Requisitos \u00a0 ACCION DE TUTELA-Naturaleza subsidiaria \u00a0 PRINCIPIO NEMO AUDITUR PROPIAM TURPITUDINEM ALLEGANS-Prohibici\u00f3n general de abusar del derecho propio como forma de acceder a ventajas indebidas e incluso inmerecidas dentro del ordenamiento jur\u00eddico\/PRINCIPIO NEMO AUDITUR PROPIAM TURPITUDINEM ALLEGANS-Nadie puede alegar a su favor su propia culpa \u00a0 PRINCIPIO NEMO AUDITUR PROPIAM TURPITUDINEM ALLEGANS-Deber de los Tribunales de negar toda s\u00faplica cuya fuente es la incuria, el dolo o mala fe en que se ha incurrido \u00a0 NORMA JURIDICA-Clasificaci\u00f3n \u00a0 NORMAS TAXATIVAS-Definici\u00f3n \u00a0 NORMAS DISPOSITIVAS-Definici\u00f3n ...<br \/><div class=\"pt-cv-rmwrap\"><a href=\"https:\/\/www.dmsjuridica.com\/buscador_20179478954\/corteconstitucionalcronologico202454587\/t-213-08\/\" class=\"_self pt-cv-readmore btn btn-success\" target=\"_self\">Ver Sentencia Completa...<\/a><\/div><\/div><\/div><\/div>\n<div class=\"col-md-12 col-sm-12 col-xs-12 pt-cv-content-item pt-cv-1-col\" ><div class='pt-cv-ifield'><a href=\"https:\/\/www.dmsjuridica.com\/buscador_20179478954\/corteconstitucionalcronologico202454587\/t-212-08\/\" class=\"_self pt-cv-href-thumbnail pt-cv-thumb-default\" target=\"_self\" ><\/a>\n<div class=\"pt-cv-taxoterm above_title\"><a href='https:\/\/www.dmsjuridica.com\/buscador_20179478954\/corteconstitucionalcronologico202454587\/category\/buscar-en-toda-la-corte\/2008\/tutelas-2008\/' title='Tutelas 2008' class='pt-cv-tax-tutelas-2008'>Tutelas 2008<\/a><\/div>\n<h4 class=\"pt-cv-title\"><a href=\"https:\/\/www.dmsjuridica.com\/buscador_20179478954\/corteconstitucionalcronologico202454587\/t-212-08\/\" class=\"_self\" target=\"_self\" >T-212-08<\/a><\/h4>\n<div class=\"pt-cv-content\">\u00a0 \u00a0 Sentencia T-212\/08 \u00a0 DERECHO A LA SALUD DEL MENOR DISCAPACITADO-Transporte para ir a las terapias dentro de la misma ciudad del domicilio del paciente\/DERECHO A LA SALUD DEL MENOR-Requisitos para que proceda pago de transporte por parte de EPS o del Estado\/DERECHO A LA SALUD-Casos en que procede pago de transporte para paciente y acompa\u00f1ante \u00a0 En tal contexto, el int\u00e9rprete constitucional ha establecido los requisitos que deben cumplirse para que sean las E.P.S o el Estado, quienes asuman los costos de los gastos de transporte que eventualmente se generen para un paciente, los cuales en principio est\u00e1n ...<br \/><div class=\"pt-cv-rmwrap\"><a href=\"https:\/\/www.dmsjuridica.com\/buscador_20179478954\/corteconstitucionalcronologico202454587\/t-212-08\/\" class=\"_self pt-cv-readmore btn btn-success\" target=\"_self\">Ver Sentencia Completa...<\/a><\/div><\/div><\/div><\/div>\n<div class=\"col-md-12 col-sm-12 col-xs-12 pt-cv-content-item pt-cv-1-col\" ><div class='pt-cv-ifield'><a href=\"https:\/\/www.dmsjuridica.com\/buscador_20179478954\/corteconstitucionalcronologico202454587\/t-211-08\/\" class=\"_self pt-cv-href-thumbnail pt-cv-thumb-default\" target=\"_self\" ><\/a>\n<div class=\"pt-cv-taxoterm above_title\"><a href='https:\/\/www.dmsjuridica.com\/buscador_20179478954\/corteconstitucionalcronologico202454587\/category\/buscar-en-toda-la-corte\/2008\/tutelas-2008\/' title='Tutelas 2008' class='pt-cv-tax-tutelas-2008'>Tutelas 2008<\/a><\/div>\n<h4 class=\"pt-cv-title\"><a href=\"https:\/\/www.dmsjuridica.com\/buscador_20179478954\/corteconstitucionalcronologico202454587\/t-211-08\/\" class=\"_self\" target=\"_self\" >T-211-08<\/a><\/h4>\n<div class=\"pt-cv-content\">\u00a0 \u00a0 Sentencia T-211\/08 \u00a0 DERECHO A LA SALUD-Cirug\u00eda de By pass g\u00e1strico \u00a0 Referencia: expediente T-1768560 \u00a0 Acci\u00f3n de tutela instaurada por Luz Adriana P\u00e9rez Osorio contra Coomeva E.P.S.\u00a0 \u00a0 Magistrado Ponente \u00a0 Dr. JAIME ARA\u00daJO RENTER\u00cdA \u00a0 Bogot\u00e1, D.C., veintiocho (28) de febrero de dos mil ocho (2008). \u00a0 La Sala Primera de Revisi\u00f3n de la Corte Constitucional, integrada por los magistrados JAIME C\u00d3RDOBA TRIVI\u00d1O, MANUEL JOS\u00c9 CEPEDA ESPINOSA y JAIME ARA\u00daJO RENTER\u00cdA, en ejercicio de sus competencias constitucionales y legales, espec\u00edficamente las previstas en los art\u00edculos 86 y 241 numeral 9\u00b0 de la Constituci\u00f3n Pol\u00edtica y 31 ...<br \/><div class=\"pt-cv-rmwrap\"><a href=\"https:\/\/www.dmsjuridica.com\/buscador_20179478954\/corteconstitucionalcronologico202454587\/t-211-08\/\" class=\"_self pt-cv-readmore btn btn-success\" target=\"_self\">Ver Sentencia Completa...<\/a><\/div><\/div><\/div><\/div>\n<div class=\"col-md-12 col-sm-12 col-xs-12 pt-cv-content-item pt-cv-1-col\" ><div class='pt-cv-ifield'><a href=\"https:\/\/www.dmsjuridica.com\/buscador_20179478954\/corteconstitucionalcronologico202454587\/t-210-08\/\" class=\"_self pt-cv-href-thumbnail pt-cv-thumb-default\" target=\"_self\" ><\/a>\n<div class=\"pt-cv-taxoterm above_title\"><a href='https:\/\/www.dmsjuridica.com\/buscador_20179478954\/corteconstitucionalcronologico202454587\/category\/buscar-en-toda-la-corte\/2008\/tutelas-2008\/' title='Tutelas 2008' class='pt-cv-tax-tutelas-2008'>Tutelas 2008<\/a><\/div>\n<h4 class=\"pt-cv-title\"><a href=\"https:\/\/www.dmsjuridica.com\/buscador_20179478954\/corteconstitucionalcronologico202454587\/t-210-08\/\" class=\"_self\" target=\"_self\" >T-210-08<\/a><\/h4>\n<div class=\"pt-cv-content\">\u00a0 \u00a0 \u00a0\u00a0 Sentencia T-210\/08 \u00a0 VIA DE HECHO JUDICIAL-Clases de defectos en la actuaci\u00f3n\u00a0 \u00a0 ACCION DE TUTELA CONTRA PROVIDENCIAS JUDICIALES-Procedencia excepcional por v\u00eda de hecho judicial \u00a0 VIA DE HECHO POR CONSECUENCIA-Alcance\/ACCION DE TUTELA CONTRA PROVIDENCIAS JUDICIALES-Requisitos \u00a0 ACCION DE TUTELA CONTRA SENTENCIA DE TUTELA-Prohibici\u00f3n \u00a0 ACCION DE TUTELA CONTRA SENTENCIA DE TUTELA-Prohibici\u00f3n cuando la cuesti\u00f3n que haya motivado una solicitud de amparo tiene su fuente en una sentencia anterior cuyo cumplimiento est\u00e1 en duda \u00a0 CUMPLIMIENTO FALLO DE TUTELA-Procede el incidente de desacato \u00a0 ACCION DE TUTELA CONTRA INCUMPLIMIENTO DE FALLOS JUDICIALES-Deber de los funcionarios del Estado ...<br \/><div class=\"pt-cv-rmwrap\"><a href=\"https:\/\/www.dmsjuridica.com\/buscador_20179478954\/corteconstitucionalcronologico202454587\/t-210-08\/\" class=\"_self pt-cv-readmore btn btn-success\" target=\"_self\">Ver Sentencia Completa...<\/a><\/div><\/div><\/div><\/div>\n<div class=\"col-md-12 col-sm-12 col-xs-12 pt-cv-content-item pt-cv-1-col\" ><div class='pt-cv-ifield'><a href=\"https:\/\/www.dmsjuridica.com\/buscador_20179478954\/corteconstitucionalcronologico202454587\/t-209-08\/\" class=\"_self pt-cv-href-thumbnail pt-cv-thumb-default\" target=\"_self\" ><\/a>\n<div class=\"pt-cv-taxoterm above_title\"><a href='https:\/\/www.dmsjuridica.com\/buscador_20179478954\/corteconstitucionalcronologico202454587\/category\/buscar-en-toda-la-corte\/2008\/tutelas-2008\/' title='Tutelas 2008' class='pt-cv-tax-tutelas-2008'>Tutelas 2008<\/a><\/div>\n<h4 class=\"pt-cv-title\"><a href=\"https:\/\/www.dmsjuridica.com\/buscador_20179478954\/corteconstitucionalcronologico202454587\/t-209-08\/\" class=\"_self\" target=\"_self\" >T-209-08<\/a><\/h4>\n<div class=\"pt-cv-content\">\u00a0 \u00a0 NOTA DE RELATOR\u00cdA: En cumplimiento del Auto de fecha 27 de noviembre 2009, de la Sala Novena de Revisi\u00f3n de la Corte Constitucional, se suprimen los nombres en esta sentencia. \u00a0 \u00a0 Sentencia T-209\/08\u00a0 \u00a0 ABORTO-Fundamento de la prohibici\u00f3n\u00a0 \u00a0 ABORTO-Prohibici\u00f3n total es inconstitucional\u00a0 \u00a0 La Corte encontr\u00f3\u00a0que la penalizaci\u00f3n del aborto en todas las circunstancias implica la preeminencia de uno de los bienes jur\u00eddicos en juego, la vida del nasciturus, y el consiguiente sacrificio absoluto de todos los derechos fundamentales de la mujer embarazada, lo que sin duda resulta a todas luces inconstitucional.\u00a0 \u00a0 ABORTO-Casos en que ...<br \/><div class=\"pt-cv-rmwrap\"><a href=\"https:\/\/www.dmsjuridica.com\/buscador_20179478954\/corteconstitucionalcronologico202454587\/t-209-08\/\" class=\"_self pt-cv-readmore btn btn-success\" target=\"_self\">Ver Sentencia Completa...<\/a><\/div><\/div><\/div><\/div>\n<div class=\"col-md-12 col-sm-12 col-xs-12 pt-cv-content-item pt-cv-1-col\" ><div class='pt-cv-ifield'><a href=\"https:\/\/www.dmsjuridica.com\/buscador_20179478954\/corteconstitucionalcronologico202454587\/t-208-08\/\" class=\"_self pt-cv-href-thumbnail pt-cv-thumb-default\" target=\"_self\" ><\/a>\n<div class=\"pt-cv-taxoterm above_title\"><a href='https:\/\/www.dmsjuridica.com\/buscador_20179478954\/corteconstitucionalcronologico202454587\/category\/buscar-en-toda-la-corte\/2008\/tutelas-2008\/' title='Tutelas 2008' class='pt-cv-tax-tutelas-2008'>Tutelas 2008<\/a><\/div>\n<h4 class=\"pt-cv-title\"><a href=\"https:\/\/www.dmsjuridica.com\/buscador_20179478954\/corteconstitucionalcronologico202454587\/t-208-08\/\" class=\"_self\" target=\"_self\" >T-208-08<\/a><\/h4>\n<div class=\"pt-cv-content\">\u00a0 \u00a0 Sentencia T-208\/08 \u00a0 DEBIDO PROCESO ADMINISTRATIVO-Campo de aplicaci\u00f3n \u00a0 ICETEX-Competencia para administrar el Fondo Distrital para la Financiaci\u00f3n de la Educaci\u00f3n Superior de los Mejores Bachilleres de los Estratos 1 y 2 \u00a0 ACTOS DE LA ADMINISTRACION-Expedici\u00f3n de acto administrativo en contrav\u00eda de las normas que lo regulan, no puede servir a los administrados para exigir su cumplimiento \u00a0 PRINCIPIO DE CONFIANZA LEGITIMA DEL ADMINISTRADO CON LA ADMINISTRACION-Mecanismo de conciliaci\u00f3n de posibles conflictos que surjan entre los intereses p\u00fablicos y los intereses privados cuando la administraci\u00f3n ha creado expectativas favorables para el administrado y s\u00fabitamente elimina dichas condiciones ...<br \/><div class=\"pt-cv-rmwrap\"><a href=\"https:\/\/www.dmsjuridica.com\/buscador_20179478954\/corteconstitucionalcronologico202454587\/t-208-08\/\" class=\"_self pt-cv-readmore btn btn-success\" target=\"_self\">Ver Sentencia Completa...<\/a><\/div><\/div><\/div><\/div>\n<div class=\"col-md-12 col-sm-12 col-xs-12 pt-cv-content-item pt-cv-1-col\" ><div class='pt-cv-ifield'><a href=\"https:\/\/www.dmsjuridica.com\/buscador_20179478954\/corteconstitucionalcronologico202454587\/t-207-08\/\" class=\"_self pt-cv-href-thumbnail pt-cv-thumb-default\" target=\"_self\" ><\/a>\n<div class=\"pt-cv-taxoterm above_title\"><a href='https:\/\/www.dmsjuridica.com\/buscador_20179478954\/corteconstitucionalcronologico202454587\/category\/buscar-en-toda-la-corte\/2008\/tutelas-2008\/' title='Tutelas 2008' class='pt-cv-tax-tutelas-2008'>Tutelas 2008<\/a><\/div>\n<h4 class=\"pt-cv-title\"><a href=\"https:\/\/www.dmsjuridica.com\/buscador_20179478954\/corteconstitucionalcronologico202454587\/t-207-08\/\" class=\"_self\" target=\"_self\" >T-207-08<\/a><\/h4>\n<div class=\"pt-cv-content\">\u00a0 \u00a0 Sentencia T-207\/08 \u00a0 DERECHO A LIBRE ESCOGENCIA DE ENTIDAD PROMOTORA DE SALUD \u00a0 PRINCIPIO DE CONTINUIDAD EN EL SERVICIO DE SALUD EN LOS EVENTOS DE TRASLADO DE EPS\/DERECHO A LA CONTINUIDAD EN EL SERVICIO DE SALUD-Traslado de EPS\u00a0 \u00a0 DERECHO A LA CONTINUIDAD EN EL SERVICIO DE SALUD-Traslado de EPS no puede suponer la suspensi\u00f3n del servicio m\u00e9dico\/CONSULTA POR LA EPS DE LA BASE DE DATOS-Caso en que se incumpli\u00f3 el deber previsto en el art\u00edculo 31 del decreto 1703\/02 \u00a0 Esta Corte ha considerado que no es constitucional que una EPS proceda a la suspensi\u00f3n del servicio ...<br \/><div class=\"pt-cv-rmwrap\"><a href=\"https:\/\/www.dmsjuridica.com\/buscador_20179478954\/corteconstitucionalcronologico202454587\/t-207-08\/\" class=\"_self pt-cv-readmore btn btn-success\" target=\"_self\">Ver Sentencia Completa...<\/a><\/div><\/div><\/div><\/div>\n<div class=\"col-md-12 col-sm-12 col-xs-12 pt-cv-content-item pt-cv-1-col\" ><div class='pt-cv-ifield'><a href=\"https:\/\/www.dmsjuridica.com\/buscador_20179478954\/corteconstitucionalcronologico202454587\/t-206-08\/\" class=\"_self pt-cv-href-thumbnail pt-cv-thumb-default\" target=\"_self\" ><\/a>\n<div class=\"pt-cv-taxoterm above_title\"><a href='https:\/\/www.dmsjuridica.com\/buscador_20179478954\/corteconstitucionalcronologico202454587\/category\/buscar-en-toda-la-corte\/2008\/tutelas-2008\/' title='Tutelas 2008' class='pt-cv-tax-tutelas-2008'>Tutelas 2008<\/a><\/div>\n<h4 class=\"pt-cv-title\"><a href=\"https:\/\/www.dmsjuridica.com\/buscador_20179478954\/corteconstitucionalcronologico202454587\/t-206-08\/\" class=\"_self\" target=\"_self\" >T-206-08<\/a><\/h4>\n<div class=\"pt-cv-content\">\u00a0 \u00a0 Sentencia T-206\/08 \u00a0 PRUEBA DE LA INCAPACIDAD ECONOMICA EN MATERIA DE SALUD-Reiteraci\u00f3n de jurisprudencia \u00a0 Debido a que en muchos de los casos resulta muy complejo determinar la capacidad econ\u00f3mica para efectuar el pago de los servicios de salud, la jurisprudencia de esta Corte ha enfatizado que el juez de tutela tiene un papel muy importante, al punto de ser vital al momento de establecer probatoriamente este aspecto, y con mayor raz\u00f3n, cuando debe propenderse por la racionalidad econ\u00f3mica del Sistema de Seguridad Social en Salud, de tal manera que, sea viable, adem\u00e1s de respetuoso del principio de ...<br \/><div class=\"pt-cv-rmwrap\"><a href=\"https:\/\/www.dmsjuridica.com\/buscador_20179478954\/corteconstitucionalcronologico202454587\/t-206-08\/\" class=\"_self pt-cv-readmore btn btn-success\" target=\"_self\">Ver Sentencia Completa...<\/a><\/div><\/div><\/div><\/div>\n<div class=\"col-md-12 col-sm-12 col-xs-12 pt-cv-content-item pt-cv-1-col\" ><div class='pt-cv-ifield'><a href=\"https:\/\/www.dmsjuridica.com\/buscador_20179478954\/corteconstitucionalcronologico202454587\/t-205-08\/\" class=\"_self pt-cv-href-thumbnail pt-cv-thumb-default\" target=\"_self\" ><\/a>\n<div class=\"pt-cv-taxoterm above_title\"><a href='https:\/\/www.dmsjuridica.com\/buscador_20179478954\/corteconstitucionalcronologico202454587\/category\/buscar-en-toda-la-corte\/2008\/tutelas-2008\/' title='Tutelas 2008' class='pt-cv-tax-tutelas-2008'>Tutelas 2008<\/a><\/div>\n<h4 class=\"pt-cv-title\"><a href=\"https:\/\/www.dmsjuridica.com\/buscador_20179478954\/corteconstitucionalcronologico202454587\/t-205-08\/\" class=\"_self\" target=\"_self\" >T-205-08<\/a><\/h4>\n<div class=\"pt-cv-content\">\u00a0 \u00a0 Sentencia T-205\/08 \u00a0 TRASLADO DE ENTIDAD PROMOTORA DE SALUD-Caso en que a la demandante se le neg\u00f3 argumentando la existencia de una circular que no permite el traslado de la EPS del ISS a otra EPS \u00a0 LEGITIMACION EN LA CAUSA PARA PRESENTAR IMPUGNACION DE SENTENCIA DE PRIMERA INSTANCIA-El hijo de la demandante s\u00ed se encontraba legitimado para impugnar la sentencia de primera instancia debido al estado de salud\u00a0 \u00a0 DERECHO A LA LIBRE ESCOGENCIA DE LA ENTIDAD PROMOTORA DE SALUD-Caso en que no existe raz\u00f3n que justifique negativa de la EPS del Seguro Social para impedir traslado ...<br \/><div class=\"pt-cv-rmwrap\"><a href=\"https:\/\/www.dmsjuridica.com\/buscador_20179478954\/corteconstitucionalcronologico202454587\/t-205-08\/\" class=\"_self pt-cv-readmore btn btn-success\" target=\"_self\">Ver Sentencia Completa...<\/a><\/div><\/div><\/div><\/div>\n<div class=\"col-md-12 col-sm-12 col-xs-12 pt-cv-content-item pt-cv-1-col\" ><div class='pt-cv-ifield'><a href=\"https:\/\/www.dmsjuridica.com\/buscador_20179478954\/corteconstitucionalcronologico202454587\/t-204-08\/\" class=\"_self pt-cv-href-thumbnail pt-cv-thumb-default\" target=\"_self\" ><\/a>\n<div class=\"pt-cv-taxoterm above_title\"><a href='https:\/\/www.dmsjuridica.com\/buscador_20179478954\/corteconstitucionalcronologico202454587\/category\/buscar-en-toda-la-corte\/2008\/tutelas-2008\/' title='Tutelas 2008' class='pt-cv-tax-tutelas-2008'>Tutelas 2008<\/a><\/div>\n<h4 class=\"pt-cv-title\"><a href=\"https:\/\/www.dmsjuridica.com\/buscador_20179478954\/corteconstitucionalcronologico202454587\/t-204-08\/\" class=\"_self\" target=\"_self\" >T-204-08<\/a><\/h4>\n<div class=\"pt-cv-content\">\u00a0 \u00a0 Sentencia T-204\/08 \u00a0 LICENCIA DE MATERNIDAD-Naturaleza y finalidad \u00a0 LICENCIA DE MATERNIDAD-Periodos m\u00ednimos de cotizaci\u00f3n para reconocimiento y pago \u00a0 LICENCIA DE MATERNIDAD-Pago proporcional por haber dejado de cotizar durante el embarazo por un periodo superior a dos meses \u00a0 En armon\u00eda con la parte considerativa de esta sentencia, dejar de cotizar cuatro (4) semanas en el caso del expediente T-1733236 y catorce (14) semanas en el caso del expediente T-1733403, no son motivo para denegar el acceso a la licencia por maternidad, por lo que es procedente el amparo de tutela en las proporciones reconocidas por la ...<br \/><div class=\"pt-cv-rmwrap\"><a href=\"https:\/\/www.dmsjuridica.com\/buscador_20179478954\/corteconstitucionalcronologico202454587\/t-204-08\/\" class=\"_self pt-cv-readmore btn btn-success\" target=\"_self\">Ver Sentencia Completa...<\/a><\/div><\/div><\/div><\/div>\n<div class=\"col-md-12 col-sm-12 col-xs-12 pt-cv-content-item pt-cv-1-col\" ><div class='pt-cv-ifield'><a href=\"https:\/\/www.dmsjuridica.com\/buscador_20179478954\/corteconstitucionalcronologico202454587\/t-203-08\/\" class=\"_self pt-cv-href-thumbnail pt-cv-thumb-default\" target=\"_self\" ><\/a>\n<div class=\"pt-cv-taxoterm above_title\"><a href='https:\/\/www.dmsjuridica.com\/buscador_20179478954\/corteconstitucionalcronologico202454587\/category\/buscar-en-toda-la-corte\/2008\/tutelas-2008\/' title='Tutelas 2008' class='pt-cv-tax-tutelas-2008'>Tutelas 2008<\/a><\/div>\n<h4 class=\"pt-cv-title\"><a href=\"https:\/\/www.dmsjuridica.com\/buscador_20179478954\/corteconstitucionalcronologico202454587\/t-203-08\/\" class=\"_self\" target=\"_self\" >T-203-08<\/a><\/h4>\n<div class=\"pt-cv-content\">\u00a0 \u00a0 Sentencia T-203\/08 \u00a0 ACCION DE TUTELA-Fallecimiento del menor hijo del peticionario durante el tr\u00e1mite del proceso no exime pronunciamiento de fondo \u00a0 A pesar de que el ni\u00f1o por quien se solicit\u00f3 la protecci\u00f3n de los derechos fundamentales a la vida, la salud y la seguridad social, falleci\u00f3 dos d\u00edas despu\u00e9s de producirse la sentencia de segunda instancia y, en consecuencia, ya no hay orden que pueda darse a su favor, en este caso es procedente un estudio de fondo, a fin de determinar si las decisiones de los jueces de tutela fueron respetuosas de los preceptos superiores ...<br \/><div class=\"pt-cv-rmwrap\"><a href=\"https:\/\/www.dmsjuridica.com\/buscador_20179478954\/corteconstitucionalcronologico202454587\/t-203-08\/\" class=\"_self pt-cv-readmore btn btn-success\" target=\"_self\">Ver Sentencia Completa...<\/a><\/div><\/div><\/div><\/div>\n<div class=\"col-md-12 col-sm-12 col-xs-12 pt-cv-content-item pt-cv-1-col\" ><div class='pt-cv-ifield'><a href=\"https:\/\/www.dmsjuridica.com\/buscador_20179478954\/corteconstitucionalcronologico202454587\/t-202-08\/\" class=\"_self pt-cv-href-thumbnail pt-cv-thumb-default\" target=\"_self\" ><\/a>\n<div class=\"pt-cv-taxoterm above_title\"><a href='https:\/\/www.dmsjuridica.com\/buscador_20179478954\/corteconstitucionalcronologico202454587\/category\/buscar-en-toda-la-corte\/2008\/tutelas-2008\/' title='Tutelas 2008' class='pt-cv-tax-tutelas-2008'>Tutelas 2008<\/a><\/div>\n<h4 class=\"pt-cv-title\"><a href=\"https:\/\/www.dmsjuridica.com\/buscador_20179478954\/corteconstitucionalcronologico202454587\/t-202-08\/\" class=\"_self\" target=\"_self\" >T-202-08<\/a><\/h4>\n<div class=\"pt-cv-content\">\u00a0 \u00a0 Sentencia T-202\/08 \u00a0 DERECHO A LA SALUD DE PERSONA DE LA TERCERA EDAD-Suministro de pa\u00f1ales \u00a0 Referencia: expediente T-1730907 \u00a0 Acci\u00f3n de tutela de Rosal\u00eda Rend\u00f3n de Hurtado en representaci\u00f3n de su madre Yolanda Helena Tamayo de Rend\u00f3n, contra Coomeva EPS\u00a0 \u00a0 Procedencia: Juzgado Diecinueve Civil Municipal de Medell\u00edn. \u00a0 Magistrado Ponente:\u00a0 \u00a0 Dr. NILSON PINILLA PINILLA \u00a0 Bogot\u00e1, D. C., \u00a0veintiocho (28) de febrero de dos mil ocho (2008). \u00a0 La Sala S\u00e9ptima de Revisi\u00f3n de la Corte Constitucional, integrada por los magistrados Nilson Pinilla Pinilla, Humberto Antonio Sierra Porto y Clara In\u00e9s Vargas Hern\u00e1ndez, en ejercicio ...<br \/><div class=\"pt-cv-rmwrap\"><a href=\"https:\/\/www.dmsjuridica.com\/buscador_20179478954\/corteconstitucionalcronologico202454587\/t-202-08\/\" class=\"_self pt-cv-readmore btn btn-success\" target=\"_self\">Ver Sentencia Completa...<\/a><\/div><\/div><\/div><\/div>\n<div class=\"col-md-12 col-sm-12 col-xs-12 pt-cv-content-item pt-cv-1-col\" ><div class='pt-cv-ifield'><a href=\"https:\/\/www.dmsjuridica.com\/buscador_20179478954\/corteconstitucionalcronologico202454587\/t-201-08\/\" class=\"_self pt-cv-href-thumbnail pt-cv-thumb-default\" target=\"_self\" ><\/a>\n<div class=\"pt-cv-taxoterm above_title\"><a href='https:\/\/www.dmsjuridica.com\/buscador_20179478954\/corteconstitucionalcronologico202454587\/category\/buscar-en-toda-la-corte\/2008\/tutelas-2008\/' title='Tutelas 2008' class='pt-cv-tax-tutelas-2008'>Tutelas 2008<\/a><\/div>\n<h4 class=\"pt-cv-title\"><a href=\"https:\/\/www.dmsjuridica.com\/buscador_20179478954\/corteconstitucionalcronologico202454587\/t-201-08\/\" class=\"_self\" target=\"_self\" >T-201-08<\/a><\/h4>\n<div class=\"pt-cv-content\">\u00a0 \u00a0 Sentencia T-201\/08 \u00a0 TRASLADO DE EMPLEADOS-Procedencia excepcional de tutela \u00a0 TRASLADO DE DOCENTES-Improcedencia cuando el traslado no tiene relevancia en el estado de salud \u00a0 Referencia: expediente T-1.734.544 \u00a0 Peticionario: Libardo Germ\u00e1n Villota G\u00f3mez \u00a0 Procedencia: Tribunal Superior de Pasto \u00a0 Magistrado Ponente: \u00a0 Dr. NILSON PINILLA PINILLA \u00a0 Bogot\u00e1, D.C., \u00a0veintiocho (28) de\u00a0febrero de dos mil ocho (2008). \u00a0 \u00a0 \u00a0 La Sala S\u00e9ptima de Revisi\u00f3n de la Corte Constitucional, integrada por los\u00a0\u00a0magistrados Nilson Pinilla Pinilla, Humberto Antonio Sierra Porto y \u00a0Clara In\u00e9s Vargas Hern\u00e1ndez, en ejercicio de sus competencias constitucionales y legales, ha proferido la siguiente ...<br \/><div class=\"pt-cv-rmwrap\"><a href=\"https:\/\/www.dmsjuridica.com\/buscador_20179478954\/corteconstitucionalcronologico202454587\/t-201-08\/\" class=\"_self pt-cv-readmore btn btn-success\" target=\"_self\">Ver Sentencia Completa...<\/a><\/div><\/div><\/div><\/div>\n<div class=\"col-md-12 col-sm-12 col-xs-12 pt-cv-content-item pt-cv-1-col\" ><div class='pt-cv-ifield'><a href=\"https:\/\/www.dmsjuridica.com\/buscador_20179478954\/corteconstitucionalcronologico202454587\/t-200-08\/\" class=\"_self pt-cv-href-thumbnail pt-cv-thumb-default\" target=\"_self\" ><\/a>\n<div class=\"pt-cv-taxoterm above_title\"><a href='https:\/\/www.dmsjuridica.com\/buscador_20179478954\/corteconstitucionalcronologico202454587\/category\/buscar-en-toda-la-corte\/2008\/tutelas-2008\/' title='Tutelas 2008' class='pt-cv-tax-tutelas-2008'>Tutelas 2008<\/a><\/div>\n<h4 class=\"pt-cv-title\"><a href=\"https:\/\/www.dmsjuridica.com\/buscador_20179478954\/corteconstitucionalcronologico202454587\/t-200-08\/\" class=\"_self\" target=\"_self\" >T-200-08<\/a><\/h4>\n<div class=\"pt-cv-content\">\u00a0 \u00a0 Sentencia T-200\/08 \u00a0 LEGITIMACION POR ACTIVA EN TUTELA-Caso de abuela que la interpone en nombre de su nieta mayor de edad que no est\u00e1 impedida ni f\u00edsica ni mentalmente\/LEGITIMACION POR ACTIVA EN TUTELA-La simple autorizaci\u00f3n dada para interponerla no es suficiente \u00a0 Esta Corte ha manifestado que la presentaci\u00f3n de la solicitud de amparo a trav\u00e9s de agente oficioso, tiene lugar en los siguientes casos: (i)\u201cEl agente oficioso manifiesta actuar en tal sentido; y, (ii) De los hechos y circunstancias que fundamentan la acci\u00f3n, se infiere que el titular de los derechos fundamentales presuntamente conculcados se encuentra en ...<br \/><div class=\"pt-cv-rmwrap\"><a href=\"https:\/\/www.dmsjuridica.com\/buscador_20179478954\/corteconstitucionalcronologico202454587\/t-200-08\/\" class=\"_self pt-cv-readmore btn btn-success\" target=\"_self\">Ver Sentencia Completa...<\/a><\/div><\/div><\/div><\/div>\n<div class=\"col-md-12 col-sm-12 col-xs-12 pt-cv-content-item pt-cv-1-col\" ><div class='pt-cv-ifield'><a href=\"https:\/\/www.dmsjuridica.com\/buscador_20179478954\/corteconstitucionalcronologico202454587\/t-199-08\/\" class=\"_self pt-cv-href-thumbnail pt-cv-thumb-default\" target=\"_self\" ><\/a>\n<div class=\"pt-cv-taxoterm above_title\"><a href='https:\/\/www.dmsjuridica.com\/buscador_20179478954\/corteconstitucionalcronologico202454587\/category\/buscar-en-toda-la-corte\/2008\/tutelas-2008\/' title='Tutelas 2008' class='pt-cv-tax-tutelas-2008'>Tutelas 2008<\/a><\/div>\n<h4 class=\"pt-cv-title\"><a href=\"https:\/\/www.dmsjuridica.com\/buscador_20179478954\/corteconstitucionalcronologico202454587\/t-199-08\/\" class=\"_self\" target=\"_self\" >T-199-08<\/a><\/h4>\n<div class=\"pt-cv-content\">\u00a0 \u00a0 {p} \u00a0 Exp. T- 1.739.029 \u00a0 \u00a0 \u00a0 \u00a0 \u00a0 \u00a0 \u00a0 \u00a0 \u00a0 \u00a0 \u00a0 \u00a0 \u00a0 \u00a0 \u00a0 \u00a0 \u00a0 \u00a0 \u00a0 \u00a0 \u00a0 \u00a0 \u00a0 \u00a0 \u00a0 \u00a0 \u00a0 \u00a0 \u00a0 \u00a0 \u00a0 \u00a0 \u00a0 \u00a0 \u00a0 \u00a0 \u00a0 \u00a0 \u00a0 \u00a0 \u00a0 \u00a0 \u00a0 \u00a0 \u00a0 \u00a0 \u00a0 \u00a0 \u00a0 \u00a0 \u00a0 \u00a0 \u00a0 \u00a0 \u00a0 \u00a0 \u00a0 \u00a0 \u00a0 \u00a0 \u00a0 \u00a0 \u00a0 \u00a0 \u00a0 \u00a0 \u00a0 \u00a0 \u00a0 \u00a0 \u00a0 \u00a0\u00a0 \u00a0 \u00a0 \u00a0 \u00a0 \u00a0 \u00a0 \u00a0 \u00a0 \u00a0 \u00a0 \u00a0 \u00a0 \u00a0 \u00a0 \u00a0 \u00a0 \u00a0 \u00a0 \u00a0 \u00a0 \u00a0 ...<br \/><div class=\"pt-cv-rmwrap\"><a href=\"https:\/\/www.dmsjuridica.com\/buscador_20179478954\/corteconstitucionalcronologico202454587\/t-199-08\/\" class=\"_self pt-cv-readmore btn btn-success\" target=\"_self\">Ver Sentencia Completa...<\/a><\/div><\/div><\/div><\/div>\n<div class=\"col-md-12 col-sm-12 col-xs-12 pt-cv-content-item pt-cv-1-col\" ><div class='pt-cv-ifield'><a href=\"https:\/\/www.dmsjuridica.com\/buscador_20179478954\/corteconstitucionalcronologico202454587\/t-198-08\/\" class=\"_self pt-cv-href-thumbnail pt-cv-thumb-default\" target=\"_self\" ><\/a>\n<div class=\"pt-cv-taxoterm above_title\"><a href='https:\/\/www.dmsjuridica.com\/buscador_20179478954\/corteconstitucionalcronologico202454587\/category\/buscar-en-toda-la-corte\/2008\/tutelas-2008\/' title='Tutelas 2008' class='pt-cv-tax-tutelas-2008'>Tutelas 2008<\/a><\/div>\n<h4 class=\"pt-cv-title\"><a href=\"https:\/\/www.dmsjuridica.com\/buscador_20179478954\/corteconstitucionalcronologico202454587\/t-198-08\/\" class=\"_self\" target=\"_self\" >T-198-08<\/a><\/h4>\n<div class=\"pt-cv-content\">\u00a0 \u00a0 Sentencia T-198\/08 \u00a0 TRATO DIFERENCIADO-Condiciones para que pueda ser leg\u00edtimo a la luz de la Constituci\u00f3n\/DERECHO A LA IGUALDAD-Tiene seis componentes fundamentales \u00a0 PRINCIPIO DE IGUALDAD-Es objetivo no formal \u00a0 La Corte Constitucional desde sus inicios ha dejado en claro que el principio de igualdad es objetivo y no formal, puesto que \u00e9l se predica de la identidad entre los iguales y la diferencia entre los desiguales. En este sentido no se puede permitir que frente a supuestos de hechos iguales o an\u00e1logos se d\u00e9 un tratamiento diferente, sin embargo, es posible que se d\u00e9 un trato diferenciado ...<br \/><div class=\"pt-cv-rmwrap\"><a href=\"https:\/\/www.dmsjuridica.com\/buscador_20179478954\/corteconstitucionalcronologico202454587\/t-198-08\/\" class=\"_self pt-cv-readmore btn btn-success\" target=\"_self\">Ver Sentencia Completa...<\/a><\/div><\/div><\/div><\/div>\n<div class=\"col-md-12 col-sm-12 col-xs-12 pt-cv-content-item pt-cv-1-col\" ><div class='pt-cv-ifield'><a href=\"https:\/\/www.dmsjuridica.com\/buscador_20179478954\/corteconstitucionalcronologico202454587\/t-197-08\/\" class=\"_self pt-cv-href-thumbnail pt-cv-thumb-default\" target=\"_self\" ><\/a>\n<div class=\"pt-cv-taxoterm above_title\"><a href='https:\/\/www.dmsjuridica.com\/buscador_20179478954\/corteconstitucionalcronologico202454587\/category\/buscar-en-toda-la-corte\/2008\/tutelas-2008\/' title='Tutelas 2008' class='pt-cv-tax-tutelas-2008'>Tutelas 2008<\/a><\/div>\n<h4 class=\"pt-cv-title\"><a href=\"https:\/\/www.dmsjuridica.com\/buscador_20179478954\/corteconstitucionalcronologico202454587\/t-197-08\/\" class=\"_self\" target=\"_self\" >T-197-08<\/a><\/h4>\n<div class=\"pt-cv-content\">\u00a0 \u00a0 Sentencia T-197\/08 \u00a0 La posici\u00f3n de la Corte respecto de la pensi\u00f3n gracia indica, entonces, que la liquidaci\u00f3n de la pensi\u00f3n de acuerdo con las disposiciones de las leyes 33 y 62 de 1985 es inconstitucional, en tanto que dicha normativa aplica para la liquidaci\u00f3n de pensiones no especiales, que no es el caso de la pensi\u00f3n gracia. As\u00ed pues, de acuerdo con la jurisprudencia de la Corte, la falta de liquidaci\u00f3n de la pensi\u00f3n gracia en los t\u00e9rminos exigidos por la jurisprudencia habilita al juez constitucional para conceder el amparo del derecho al debido proceso y a ...<br \/><div class=\"pt-cv-rmwrap\"><a href=\"https:\/\/www.dmsjuridica.com\/buscador_20179478954\/corteconstitucionalcronologico202454587\/t-197-08\/\" class=\"_self pt-cv-readmore btn btn-success\" target=\"_self\">Ver Sentencia Completa...<\/a><\/div><\/div><\/div><\/div>\n<div class=\"col-md-12 col-sm-12 col-xs-12 pt-cv-content-item pt-cv-1-col\" ><div class='pt-cv-ifield'><a href=\"https:\/\/www.dmsjuridica.com\/buscador_20179478954\/corteconstitucionalcronologico202454587\/t-196-08\/\" class=\"_self pt-cv-href-thumbnail pt-cv-thumb-default\" target=\"_self\" ><\/a>\n<div class=\"pt-cv-taxoterm above_title\"><a href='https:\/\/www.dmsjuridica.com\/buscador_20179478954\/corteconstitucionalcronologico202454587\/category\/buscar-en-toda-la-corte\/2008\/tutelas-2008\/' title='Tutelas 2008' class='pt-cv-tax-tutelas-2008'>Tutelas 2008<\/a><\/div>\n<h4 class=\"pt-cv-title\"><a href=\"https:\/\/www.dmsjuridica.com\/buscador_20179478954\/corteconstitucionalcronologico202454587\/t-196-08\/\" class=\"_self\" target=\"_self\" >T-196-08<\/a><\/h4>\n<div class=\"pt-cv-content\">\u00a0 \u00a0 Sentencia T-196\/08 \u00a0 ACCION DE TUTELA-Procedencia excepcional pago de salarios atrasados \u00a0 DERECHO AL MINIMO VITAL DE MUJER CABEZA DE FAMILIA-Pago de salarios atrasados \u00a0 Referencia: expediente T-1741142 \u00a0 Acci\u00f3n de tutela instaurada por Diana Patricia Galeano L\u00f3pez contra ESE Hospital San Juan de Dios III nivel de Socorro y la cooperativa Cooptraincol Ltda. \u00a0 Magistrado Ponente: \u00a0 Dr. MANUEL JOS\u00c9 CEPEDA ESPINOSA \u00a0 Bogot\u00e1, D.C., veintiocho (28) de febrero de dos mil ocho (2008) \u00a0 La Sala Segunda de Revisi\u00f3n de la Corte Constitucional, integrada por los magistrados, Manuel Jos\u00e9 Cepeda Espinosa, Jaime C\u00f3rdoba Trivi\u00f1o y Rodrigo ...<br \/><div class=\"pt-cv-rmwrap\"><a href=\"https:\/\/www.dmsjuridica.com\/buscador_20179478954\/corteconstitucionalcronologico202454587\/t-196-08\/\" class=\"_self pt-cv-readmore btn btn-success\" target=\"_self\">Ver Sentencia Completa...<\/a><\/div><\/div><\/div><\/div>\n<div class=\"col-md-12 col-sm-12 col-xs-12 pt-cv-content-item pt-cv-1-col\" ><div class='pt-cv-ifield'><a href=\"https:\/\/www.dmsjuridica.com\/buscador_20179478954\/corteconstitucionalcronologico202454587\/t-195-08\/\" class=\"_self pt-cv-href-thumbnail pt-cv-thumb-default\" target=\"_self\" ><\/a>\n<div class=\"pt-cv-taxoterm above_title\"><a href='https:\/\/www.dmsjuridica.com\/buscador_20179478954\/corteconstitucionalcronologico202454587\/category\/buscar-en-toda-la-corte\/2008\/tutelas-2008\/' title='Tutelas 2008' class='pt-cv-tax-tutelas-2008'>Tutelas 2008<\/a><\/div>\n<h4 class=\"pt-cv-title\"><a href=\"https:\/\/www.dmsjuridica.com\/buscador_20179478954\/corteconstitucionalcronologico202454587\/t-195-08\/\" class=\"_self\" target=\"_self\" >T-195-08<\/a><\/h4>\n<div class=\"pt-cv-content\">\u00a0 \u00a0 Sentencia T-195\/08 \u00a0 DERECHO A LA SALUD-Pr\u00e1ctica de examen m\u00e9dico de participante vinculado al Sistema de Seguridad Social en Salud\/DERECHO A LA SALUD-Secretar\u00eda de Salud Departamental tiene obligaci\u00f3n de velar porque el examen requerido por el tutelante sea efectivamente practicado \u00a0 La Secretar\u00eda Departamental de Salud del Cauca \u2013como ente que representa al departamento del Cauca- tiene la obligaci\u00f3n de velar porque el examen requerido por el tutelante sea efectivamente practicado y de disponer todos los medios necesarios para que se preste la asistencia m\u00e9dica prescrita a partir de los resultados del examen diagn\u00f3stico. En la parte resolutiva ...<br \/><div class=\"pt-cv-rmwrap\"><a href=\"https:\/\/www.dmsjuridica.com\/buscador_20179478954\/corteconstitucionalcronologico202454587\/t-195-08\/\" class=\"_self pt-cv-readmore btn btn-success\" target=\"_self\">Ver Sentencia Completa...<\/a><\/div><\/div><\/div><\/div>\n<div class=\"col-md-12 col-sm-12 col-xs-12 pt-cv-content-item pt-cv-1-col\" ><div class='pt-cv-ifield'><a href=\"https:\/\/www.dmsjuridica.com\/buscador_20179478954\/corteconstitucionalcronologico202454587\/t-194-08\/\" class=\"_self pt-cv-href-thumbnail pt-cv-thumb-default\" target=\"_self\" ><\/a>\n<div class=\"pt-cv-taxoterm above_title\"><a href='https:\/\/www.dmsjuridica.com\/buscador_20179478954\/corteconstitucionalcronologico202454587\/category\/buscar-en-toda-la-corte\/2008\/tutelas-2008\/' title='Tutelas 2008' class='pt-cv-tax-tutelas-2008'>Tutelas 2008<\/a><\/div>\n<h4 class=\"pt-cv-title\"><a href=\"https:\/\/www.dmsjuridica.com\/buscador_20179478954\/corteconstitucionalcronologico202454587\/t-194-08\/\" class=\"_self\" target=\"_self\" >T-194-08<\/a><\/h4>\n<div class=\"pt-cv-content\">\u00a0 \u00a0 Sentencia T-194\/08 \u00a0 ACCION DE TUTELA-Procedencia excepcional para controvertir orden de traslado \u00a0 TRASLADO LABORAL-Condiciones para que proceda tutela \u00a0 IUS VARIANDI-No es absoluto \u00a0 IUS VARIANDI-Discrecionalidad limitada de la administraci\u00f3n para variar sitio de trabajo de docentes \u00a0 IUS VARIANDI-Situaciones que se deben distinguir \u00a0 ACCION DE TUTELA-Improcedencia cuando la enfermedad no reviste gravedad que imposibilite el traslado \u00a0 Referencia: expediente T-1736711 \u00a0 Acci\u00f3n de tutela instaurada por Rosa Ovidia C\u00f3rdoba Mena contra la Secretar\u00eda de Educaci\u00f3n Departamental del Choc\u00f3. \u00a0 Magistrado Ponente: \u00a0 Dr. MANUEL JOS\u00c9 CEPEDA ESPINOSA \u00a0 Bogot\u00e1, D.C., veintiocho (28) de febrero de ...<br \/><div class=\"pt-cv-rmwrap\"><a href=\"https:\/\/www.dmsjuridica.com\/buscador_20179478954\/corteconstitucionalcronologico202454587\/t-194-08\/\" class=\"_self pt-cv-readmore btn btn-success\" target=\"_self\">Ver Sentencia Completa...<\/a><\/div><\/div><\/div><\/div>\n<div class=\"col-md-12 col-sm-12 col-xs-12 pt-cv-content-item pt-cv-1-col\" ><div class='pt-cv-ifield'><a href=\"https:\/\/www.dmsjuridica.com\/buscador_20179478954\/corteconstitucionalcronologico202454587\/t-193-08\/\" class=\"_self pt-cv-href-thumbnail pt-cv-thumb-default\" target=\"_self\" ><\/a>\n<div class=\"pt-cv-taxoterm above_title\"><a href='https:\/\/www.dmsjuridica.com\/buscador_20179478954\/corteconstitucionalcronologico202454587\/category\/buscar-en-toda-la-corte\/2008\/tutelas-2008\/' title='Tutelas 2008' class='pt-cv-tax-tutelas-2008'>Tutelas 2008<\/a><\/div>\n<h4 class=\"pt-cv-title\"><a href=\"https:\/\/www.dmsjuridica.com\/buscador_20179478954\/corteconstitucionalcronologico202454587\/t-193-08\/\" class=\"_self\" target=\"_self\" >T-193-08<\/a><\/h4>\n<div class=\"pt-cv-content\">\u00a0 \u00a0 Sentencia T-193\/08 \u00a0 (Febrero 27 de 2008) \u00a0 ACCION DE TUTELA-Hecho superado por autorizaci\u00f3n de cirug\u00eda bari\u00e1trica de By pass g\u00e1strico \u00a0 ACCION DE TUTELA TEMERARIA-Elementos que deben concurrir para que se configure \u00a0 Para determinar si una tutela se ha interpuesto en contravenci\u00f3n de la prohibici\u00f3n prevista en el art\u00edculo 38 del Decreto 2591 de 1991, se debe examinar en principio, la identidad de los siguientes elementos en las acciones puestas en conocimiento de los jueces: (i) las partes y demandados, es decir, que las tutelas hayan sido presentadas por el mismo accionante, su representante legal o ...<br \/><div class=\"pt-cv-rmwrap\"><a href=\"https:\/\/www.dmsjuridica.com\/buscador_20179478954\/corteconstitucionalcronologico202454587\/t-193-08\/\" class=\"_self pt-cv-readmore btn btn-success\" target=\"_self\">Ver Sentencia Completa...<\/a><\/div><\/div><\/div><\/div>\n<div class=\"col-md-12 col-sm-12 col-xs-12 pt-cv-content-item pt-cv-1-col\" ><div class='pt-cv-ifield'><a href=\"https:\/\/www.dmsjuridica.com\/buscador_20179478954\/corteconstitucionalcronologico202454587\/t-192-08\/\" class=\"_self pt-cv-href-thumbnail pt-cv-thumb-default\" target=\"_self\" ><\/a>\n<div class=\"pt-cv-taxoterm above_title\"><a href='https:\/\/www.dmsjuridica.com\/buscador_20179478954\/corteconstitucionalcronologico202454587\/category\/buscar-en-toda-la-corte\/2008\/tutelas-2008\/' title='Tutelas 2008' class='pt-cv-tax-tutelas-2008'>Tutelas 2008<\/a><\/div>\n<h4 class=\"pt-cv-title\"><a href=\"https:\/\/www.dmsjuridica.com\/buscador_20179478954\/corteconstitucionalcronologico202454587\/t-192-08\/\" class=\"_self\" target=\"_self\" >T-192-08<\/a><\/h4>\n<div class=\"pt-cv-content\">\u00a0 \u00a0 Sentencia T-192\/08 \u00a0 (Febrero 27 de 2008) \u00a0 ACCION DE TUTELA DE HIJO CONTRA PADRE-Procede en caso en que el padre se niega a firmar para efectos de la adjudicaci\u00f3n de beca de estudios en el exterior a su hijo mayor de edad \u00a0 En tales circunstancias y desde una perspectiva relacionada exclusivamente con la procedencia de la acci\u00f3n de tutela, el actor carece de medios de defensa jur\u00eddicos en esta situaci\u00f3n f\u00e1ctica, que le permitan ante la omisi\u00f3n del padre, acceder a los beneficios educativos descritos, situaci\u00f3n que presuntamente amenaza su derecho a la educaci\u00f3n y al ...<br \/><div class=\"pt-cv-rmwrap\"><a href=\"https:\/\/www.dmsjuridica.com\/buscador_20179478954\/corteconstitucionalcronologico202454587\/t-192-08\/\" class=\"_self pt-cv-readmore btn btn-success\" target=\"_self\">Ver Sentencia Completa...<\/a><\/div><\/div><\/div><\/div>\n<div class=\"col-md-12 col-sm-12 col-xs-12 pt-cv-content-item pt-cv-1-col\" ><div class='pt-cv-ifield'><a href=\"https:\/\/www.dmsjuridica.com\/buscador_20179478954\/corteconstitucionalcronologico202454587\/t-191-08\/\" class=\"_self pt-cv-href-thumbnail pt-cv-thumb-default\" target=\"_self\" ><\/a>\n<div class=\"pt-cv-taxoterm above_title\"><a href='https:\/\/www.dmsjuridica.com\/buscador_20179478954\/corteconstitucionalcronologico202454587\/category\/buscar-en-toda-la-corte\/2008\/tutelas-2008\/' title='Tutelas 2008' class='pt-cv-tax-tutelas-2008'>Tutelas 2008<\/a><\/div>\n<h4 class=\"pt-cv-title\"><a href=\"https:\/\/www.dmsjuridica.com\/buscador_20179478954\/corteconstitucionalcronologico202454587\/t-191-08\/\" class=\"_self\" target=\"_self\" >T-191-08<\/a><\/h4>\n<div class=\"pt-cv-content\">\u00a0 \u00a0 SENTENCIA T-191\/08 \u00a0 (Febrero 27 de 2008) \u00a0 ACCION DE TUTELA CONTRA ACTOS ADMINISTRATIVOS DERIVADOS DE PRESTACION DE SERVICIOS PUBLICOS DOMICILIARIOS-Procedencia en caso de perjuicio irremediable \u00a0 Frente al caso particular de los servicios p\u00fablicos domiciliarios la Corte Constitucional ha considerado que los usuarios cuentan, no s\u00f3lo con los recursos propios de la v\u00eda gubernativa, sino con las acciones posteriores que pueden ser instauradas antes la Jurisdicci\u00f3n Contencioso Administrativo para buscar atacar los actos administrativos que lesionen sus derechos y obtener as\u00ed el restablecimiento de los mismos. Sin embargo, cuando las conductas o decisiones de la empresa de ...<br \/><div class=\"pt-cv-rmwrap\"><a href=\"https:\/\/www.dmsjuridica.com\/buscador_20179478954\/corteconstitucionalcronologico202454587\/t-191-08\/\" class=\"_self pt-cv-readmore btn btn-success\" target=\"_self\">Ver Sentencia Completa...<\/a><\/div><\/div><\/div><\/div>\n<div class=\"col-md-12 col-sm-12 col-xs-12 pt-cv-content-item pt-cv-1-col\" ><div class='pt-cv-ifield'><a href=\"https:\/\/www.dmsjuridica.com\/buscador_20179478954\/corteconstitucionalcronologico202454587\/t-184-08\/\" class=\"_self pt-cv-href-thumbnail pt-cv-thumb-default\" target=\"_self\" ><\/a>\n<div class=\"pt-cv-taxoterm above_title\"><a href='https:\/\/www.dmsjuridica.com\/buscador_20179478954\/corteconstitucionalcronologico202454587\/category\/buscar-en-toda-la-corte\/2008\/tutelas-2008\/' title='Tutelas 2008' class='pt-cv-tax-tutelas-2008'>Tutelas 2008<\/a><\/div>\n<h4 class=\"pt-cv-title\"><a href=\"https:\/\/www.dmsjuridica.com\/buscador_20179478954\/corteconstitucionalcronologico202454587\/t-184-08\/\" class=\"_self\" target=\"_self\" >T-184-08<\/a><\/h4>\n<div class=\"pt-cv-content\">\u00a0 \u00a0 Sentencia T-184\/08\u00a0 \u00a0 ACCION DE TUTELA-Procedencia excepcional para resolver controversias laborales \u00a0 ACCION DE TUTELA-Condiciones para procedencia excepcional sobre controversias laborales \u00a0 TRASLADO LABORAL-Condiciones para que proceda tutela \u00a0 ACCION DE TUTELA-Condiciones para traslado de docentes amenazados \u00a0 REVOCACION DIRECTA DE ACTO ADMINISTRATIVO PARTICULAR Y CONCRETO-Procedencia de tutela \u00a0 ACTO ADMINISTRATIVO PARTICULAR Y CONCRETO-Violaci\u00f3n al debido proceso por revocatoria sin la anuencia del afectado \u00a0 ACCION DE TUTELA-Improcedencia por no demostraci\u00f3n de relaci\u00f3n de causalidad entre los quebrantos de salud y el desempe\u00f1o laboral en el centro educativo \u00a0 Referencia: expediente T-1788015 \u00a0 Acci\u00f3n de tutela instaurada por ...<br \/><div class=\"pt-cv-rmwrap\"><a href=\"https:\/\/www.dmsjuridica.com\/buscador_20179478954\/corteconstitucionalcronologico202454587\/t-184-08\/\" class=\"_self pt-cv-readmore btn btn-success\" target=\"_self\">Ver Sentencia Completa...<\/a><\/div><\/div><\/div><\/div>\n<div class=\"col-md-12 col-sm-12 col-xs-12 pt-cv-content-item pt-cv-1-col\" ><div class='pt-cv-ifield'><a href=\"https:\/\/www.dmsjuridica.com\/buscador_20179478954\/corteconstitucionalcronologico202454587\/t-183-08\/\" class=\"_self pt-cv-href-thumbnail pt-cv-thumb-default\" target=\"_self\" ><\/a>\n<div class=\"pt-cv-taxoterm above_title\"><a href='https:\/\/www.dmsjuridica.com\/buscador_20179478954\/corteconstitucionalcronologico202454587\/category\/buscar-en-toda-la-corte\/2008\/tutelas-2008\/' title='Tutelas 2008' class='pt-cv-tax-tutelas-2008'>Tutelas 2008<\/a><\/div>\n<h4 class=\"pt-cv-title\"><a href=\"https:\/\/www.dmsjuridica.com\/buscador_20179478954\/corteconstitucionalcronologico202454587\/t-183-08\/\" class=\"_self\" target=\"_self\" >T-183-08<\/a><\/h4>\n<div class=\"pt-cv-content\">\u00a0 \u00a0 Sentencia T-183\/08\u00a0 \u00a0 DERECHO A LA CONTINUIDAD EN EL SERVICIO DE SALUD\/PRINCIPIO DE CONTINUIDAD EN EL SERVICIO DE SALUD-Culminaci\u00f3n de tratamientos aunque se hubiere extinguido vinculaci\u00f3n con EPS \u00a0 DERECHO A LA SALUD-Caso en que el actor al no pagar los meses pendientes la EPS pod\u00eda cesar la prestaci\u00f3n de sus servicios\/ PRINCIPIO DE CONTINUIDAD EN EL SERVICIO DE SALUD-No se afect\u00f3 en el caso del demandante al suspender la EPS el servicio por falta de pago \u00a0 En el caso objeto de estudio, y con fundamento en la propia manifestaci\u00f3n que hiciera el actor, es claro que ...<br \/><div class=\"pt-cv-rmwrap\"><a href=\"https:\/\/www.dmsjuridica.com\/buscador_20179478954\/corteconstitucionalcronologico202454587\/t-183-08\/\" class=\"_self pt-cv-readmore btn btn-success\" target=\"_self\">Ver Sentencia Completa...<\/a><\/div><\/div><\/div><\/div>\n<div class=\"col-md-12 col-sm-12 col-xs-12 pt-cv-content-item pt-cv-1-col\" ><div class='pt-cv-ifield'><a href=\"https:\/\/www.dmsjuridica.com\/buscador_20179478954\/corteconstitucionalcronologico202454587\/t-182-08\/\" class=\"_self pt-cv-href-thumbnail pt-cv-thumb-default\" target=\"_self\" ><\/a>\n<div class=\"pt-cv-taxoterm above_title\"><a href='https:\/\/www.dmsjuridica.com\/buscador_20179478954\/corteconstitucionalcronologico202454587\/category\/buscar-en-toda-la-corte\/2008\/tutelas-2008\/' title='Tutelas 2008' class='pt-cv-tax-tutelas-2008'>Tutelas 2008<\/a><\/div>\n<h4 class=\"pt-cv-title\"><a href=\"https:\/\/www.dmsjuridica.com\/buscador_20179478954\/corteconstitucionalcronologico202454587\/t-182-08\/\" class=\"_self\" target=\"_self\" >T-182-08<\/a><\/h4>\n<div class=\"pt-cv-content\">\u00a0 \u00a0 Sentencia T-182\/08 \u00a0 DERECHOS COLECTIVOS-Requisitos para la procedencia excepcional de tutela \u00a0 La Corte ha determinado reglas de ponderaci\u00f3n que el juez debe tener en cuenta para conceder una acci\u00f3n de tutela cuando, producto de una amenaza de derechos colectivos, se derive la violaci\u00f3n de derechos fundamentales. A juicio de esta corporaci\u00f3n, en estos casos se requiere: \u201c(i) que exista conexidad entre la vulneraci\u00f3n de un derecho colectivo y la violaci\u00f3n o amenaza a un derecho fundamental de tal suerte que el da\u00f1o o la amenaza del derecho fundamental sea \"consecuencia inmediata y directa de la perturbaci\u00f3n del ...<br \/><div class=\"pt-cv-rmwrap\"><a href=\"https:\/\/www.dmsjuridica.com\/buscador_20179478954\/corteconstitucionalcronologico202454587\/t-182-08\/\" class=\"_self pt-cv-readmore btn btn-success\" target=\"_self\">Ver Sentencia Completa...<\/a><\/div><\/div><\/div><\/div>\n<div class=\"col-md-12 col-sm-12 col-xs-12 pt-cv-content-item pt-cv-1-col\" ><div class='pt-cv-ifield'><a href=\"https:\/\/www.dmsjuridica.com\/buscador_20179478954\/corteconstitucionalcronologico202454587\/t-181-08\/\" class=\"_self pt-cv-href-thumbnail pt-cv-thumb-default\" target=\"_self\" ><\/a>\n<div class=\"pt-cv-taxoterm above_title\"><a href='https:\/\/www.dmsjuridica.com\/buscador_20179478954\/corteconstitucionalcronologico202454587\/category\/buscar-en-toda-la-corte\/2008\/tutelas-2008\/' title='Tutelas 2008' class='pt-cv-tax-tutelas-2008'>Tutelas 2008<\/a><\/div>\n<h4 class=\"pt-cv-title\"><a href=\"https:\/\/www.dmsjuridica.com\/buscador_20179478954\/corteconstitucionalcronologico202454587\/t-181-08\/\" class=\"_self\" target=\"_self\" >T-181-08<\/a><\/h4>\n<div class=\"pt-cv-content\">\u00a0 \u00a0 Sentencia T-181\/08 \u00a0 DERECHO DE PETICION Y ACCION DE TUTELA-Solicitud de pago de retroactivo al ISS\/DERECHO DE PETICION Y RECURSOS EN VIA GUBERNATIVA\/PRESUNCION DE VERACIDAD EN TUTELA\/DERECHO DE PETICION-T\u00e9rminos para resolver \u00a0 Nota de Relator\u00eda: Fuente formal: Art\u00edculo 20 del Decreto 2591\/91 \u00a0 \u00a0 \u00a0 Acci\u00f3n de tutela interpuesta por el se\u00f1or Rodrigo Escobar Salazar contra el Instituto de Seguro Social \u00a0 Magistrada Ponente: \u00a0 Dra. CLARA IN\u00c9S VARGAS HERN\u00c1NDEZ \u00a0 Bogot\u00e1, D.C., veintid\u00f3s (22) de febrero de dos mil ocho (2008). \u00a0 La Sala Novena de Revisi\u00f3n de la Corte Constitucional, integrada por los Magistrados Clara In\u00e9s ...<br \/><div class=\"pt-cv-rmwrap\"><a href=\"https:\/\/www.dmsjuridica.com\/buscador_20179478954\/corteconstitucionalcronologico202454587\/t-181-08\/\" class=\"_self pt-cv-readmore btn btn-success\" target=\"_self\">Ver Sentencia Completa...<\/a><\/div><\/div><\/div><\/div>\n<div class=\"col-md-12 col-sm-12 col-xs-12 pt-cv-content-item pt-cv-1-col\" ><div class='pt-cv-ifield'><a href=\"https:\/\/www.dmsjuridica.com\/buscador_20179478954\/corteconstitucionalcronologico202454587\/t-180-08\/\" class=\"_self pt-cv-href-thumbnail pt-cv-thumb-default\" target=\"_self\" ><\/a>\n<div class=\"pt-cv-taxoterm above_title\"><a href='https:\/\/www.dmsjuridica.com\/buscador_20179478954\/corteconstitucionalcronologico202454587\/category\/buscar-en-toda-la-corte\/2008\/tutelas-2008\/' title='Tutelas 2008' class='pt-cv-tax-tutelas-2008'>Tutelas 2008<\/a><\/div>\n<h4 class=\"pt-cv-title\"><a href=\"https:\/\/www.dmsjuridica.com\/buscador_20179478954\/corteconstitucionalcronologico202454587\/t-180-08\/\" class=\"_self\" target=\"_self\" >T-180-08<\/a><\/h4>\n<div class=\"pt-cv-content\">\u00a0 \u00a0 Sentencia T-180\/08 \u00a0 REGIMEN DE TRANSICION EN PENSIONES DE EMPLEADOS DE LA RAMA JUDICIAL Y MINISTERIO PUBLICO-Desconocimiento vulnera el derecho a la seguridad social en conexidad con el derecho fundamental al debido proceso y con los derechos adquiridos\/REGIMEN DE TRANSICION EN PENSIONES DE EMPLEADOS DE LA RAMA JUDICIAL Y MINISTERIO PUBLICO-Reiteraci\u00f3n jurisprudencial \u00a0 El desconocimiento de un r\u00e9gimen especial basado en el r\u00e9gimen de transici\u00f3n, vulnera el derecho a la seguridad social en conexidad con el derecho fundamental al debido proceso, y con los derechos adquiridos. Una vez entr\u00f3 la Corte a analizar el caso objeto de estudio, ...<br \/><div class=\"pt-cv-rmwrap\"><a href=\"https:\/\/www.dmsjuridica.com\/buscador_20179478954\/corteconstitucionalcronologico202454587\/t-180-08\/\" class=\"_self pt-cv-readmore btn btn-success\" target=\"_self\">Ver Sentencia Completa...<\/a><\/div><\/div><\/div><\/div>\n<div class=\"col-md-12 col-sm-12 col-xs-12 pt-cv-content-item pt-cv-1-col\" ><div class='pt-cv-ifield'><a href=\"https:\/\/www.dmsjuridica.com\/buscador_20179478954\/corteconstitucionalcronologico202454587\/t-179-08\/\" class=\"_self pt-cv-href-thumbnail pt-cv-thumb-default\" target=\"_self\" ><\/a>\n<div class=\"pt-cv-taxoterm above_title\"><a href='https:\/\/www.dmsjuridica.com\/buscador_20179478954\/corteconstitucionalcronologico202454587\/category\/buscar-en-toda-la-corte\/2008\/tutelas-2008\/' title='Tutelas 2008' class='pt-cv-tax-tutelas-2008'>Tutelas 2008<\/a><\/div>\n<h4 class=\"pt-cv-title\"><a href=\"https:\/\/www.dmsjuridica.com\/buscador_20179478954\/corteconstitucionalcronologico202454587\/t-179-08\/\" class=\"_self\" target=\"_self\" >T-179-08<\/a><\/h4>\n<div class=\"pt-cv-content\">\u00a0 \u00a0 Sentencia T-179\/08 \u00a0 DERECHO A LA SALUD DE PERSONA A LA QUE SE LE REALIZO CIRUGIA DE BY PASS GASTRICO-Realizaci\u00f3n de procedimientos quir\u00fargicos posteriores por exceso de piel y flacidez\/DERECHO A LA SALUD-Cirug\u00eda posterior a la de by pass g\u00e1strico por exceso de piel o colgajos\/DERECHO A LA SALUD Y CIRUGIA ESTETICA-Valoraci\u00f3n del car\u00e1cter est\u00e9tico debe atender a las circunstancias particulares del asunto objeto de estudio \u00a0 Lo primero que puede concluirse es que los procedimientos prescritos a la actora s\u00ed se encuentran incluidos en el POS, pero s\u00f3lo en aquellos casos en los que no tienen como ...<br \/><div class=\"pt-cv-rmwrap\"><a href=\"https:\/\/www.dmsjuridica.com\/buscador_20179478954\/corteconstitucionalcronologico202454587\/t-179-08\/\" class=\"_self pt-cv-readmore btn btn-success\" target=\"_self\">Ver Sentencia Completa...<\/a><\/div><\/div><\/div><\/div>\n<div class=\"col-md-12 col-sm-12 col-xs-12 pt-cv-content-item pt-cv-1-col\" ><div class='pt-cv-ifield'><a href=\"https:\/\/www.dmsjuridica.com\/buscador_20179478954\/corteconstitucionalcronologico202454587\/t-178-08\/\" class=\"_self pt-cv-href-thumbnail pt-cv-thumb-default\" target=\"_self\" ><\/a>\n<div class=\"pt-cv-taxoterm above_title\"><a href='https:\/\/www.dmsjuridica.com\/buscador_20179478954\/corteconstitucionalcronologico202454587\/category\/buscar-en-toda-la-corte\/2008\/tutelas-2008\/' title='Tutelas 2008' class='pt-cv-tax-tutelas-2008'>Tutelas 2008<\/a><\/div>\n<h4 class=\"pt-cv-title\"><a href=\"https:\/\/www.dmsjuridica.com\/buscador_20179478954\/corteconstitucionalcronologico202454587\/t-178-08\/\" class=\"_self\" target=\"_self\" >T-178-08<\/a><\/h4>\n<div class=\"pt-cv-content\">\u00a0 \u00a0 Sentencia T-178\/08 \u00a0 TRASLADO DE INTERNO-Caso en que manifiesta haber sido objeto de amenazas contra su vida\/ACCION DE TUTELA-Hecho superado por traslado de interno sin que mediara orden judicial \u00a0 Referencia: expediente T-1727944 \u00a0 Accionante: Ra\u00fal Hern\u00e1n Londo\u00f1o Restrepo \u00a0 Demandado: \u00a0 Instituto Nacional Carcelario y Penitenciario -INPEC-, Establecimiento Carcelario Bellavista. \u00a0 Magistrado Ponente:\u00a0 \u00a0 Dr. RODRIGO ESCOBAR GIL \u00a0 Bogot\u00e1, D.C., veintiuno (21) de febrero de dos mil ocho (2008). \u00a0 La Sala Cuarta de Revisi\u00f3n de la Corte Constitucional, integrada por los Magistrados Rodrigo Escobar Gil, Mauricio Gonz\u00e1lez Cuervo y Marco Gerardo Monroy Cabra, en ejercicio ...<br \/><div class=\"pt-cv-rmwrap\"><a href=\"https:\/\/www.dmsjuridica.com\/buscador_20179478954\/corteconstitucionalcronologico202454587\/t-178-08\/\" class=\"_self pt-cv-readmore btn btn-success\" target=\"_self\">Ver Sentencia Completa...<\/a><\/div><\/div><\/div><\/div>\n<div class=\"col-md-12 col-sm-12 col-xs-12 pt-cv-content-item pt-cv-1-col\" ><div class='pt-cv-ifield'><a href=\"https:\/\/www.dmsjuridica.com\/buscador_20179478954\/corteconstitucionalcronologico202454587\/t-177-08\/\" class=\"_self pt-cv-href-thumbnail pt-cv-thumb-default\" target=\"_self\" ><\/a>\n<div class=\"pt-cv-taxoterm above_title\"><a href='https:\/\/www.dmsjuridica.com\/buscador_20179478954\/corteconstitucionalcronologico202454587\/category\/buscar-en-toda-la-corte\/2008\/tutelas-2008\/' title='Tutelas 2008' class='pt-cv-tax-tutelas-2008'>Tutelas 2008<\/a><\/div>\n<h4 class=\"pt-cv-title\"><a href=\"https:\/\/www.dmsjuridica.com\/buscador_20179478954\/corteconstitucionalcronologico202454587\/t-177-08\/\" class=\"_self\" target=\"_self\" >T-177-08<\/a><\/h4>\n<div class=\"pt-cv-content\">\u00a0 \u00a0 Sentencia T-177\/08 \u00a0 PENSION DE SOBREVIVIENTES-Caso en que se ha dilatado indefinidamente el proceso de calificaci\u00f3n del origen de la contingencia que ocasion\u00f3 el fallecimiento del c\u00f3nyuge de la demandante \u00a0 MEDIO DE DEFENSA JUDICIAL Y PERJUICIO IRREMEDIABLE DE CONYUGE SUPERSTITE POR FALTA DE RECONOCIMIENTO DE PENSION DE SOBREVIVIENTES-Caso de madre cabeza de familia y de menor hijo que se encuentran desamparados y privados de los ingresos con que contaban para subsistir dignamente \u00a0 A\u00fan cuando los jueces de instancia declararon improcedente la presente acci\u00f3n de tutela por existir otro medio de defensa judicial y no advertir la ...<br \/><div class=\"pt-cv-rmwrap\"><a href=\"https:\/\/www.dmsjuridica.com\/buscador_20179478954\/corteconstitucionalcronologico202454587\/t-177-08\/\" class=\"_self pt-cv-readmore btn btn-success\" target=\"_self\">Ver Sentencia Completa...<\/a><\/div><\/div><\/div><\/div>\n<div class=\"col-md-12 col-sm-12 col-xs-12 pt-cv-content-item pt-cv-1-col\" ><div class='pt-cv-ifield'><a href=\"https:\/\/www.dmsjuridica.com\/buscador_20179478954\/corteconstitucionalcronologico202454587\/t-176-08\/\" class=\"_self pt-cv-href-thumbnail pt-cv-thumb-default\" target=\"_self\" ><\/a>\n<div class=\"pt-cv-taxoterm above_title\"><a href='https:\/\/www.dmsjuridica.com\/buscador_20179478954\/corteconstitucionalcronologico202454587\/category\/buscar-en-toda-la-corte\/2008\/tutelas-2008\/' title='Tutelas 2008' class='pt-cv-tax-tutelas-2008'>Tutelas 2008<\/a><\/div>\n<h4 class=\"pt-cv-title\"><a href=\"https:\/\/www.dmsjuridica.com\/buscador_20179478954\/corteconstitucionalcronologico202454587\/t-176-08\/\" class=\"_self\" target=\"_self\" >T-176-08<\/a><\/h4>\n<div class=\"pt-cv-content\">\u00a0 \u00a0 Sentencia T-176\/08 \u00a0 (Febrero 21 de 2008) \u00a0 PRINCIPIO DE IMPARCIALIDAD JUDICIAL E IMPEDIMENTOS Y RECUSACIONES\u00a0 \u00a0 En guarda de la imparcialidad e independencia judicial, la ley contempla el impedimento y la recusaci\u00f3n como el mecanismo jur\u00eddico para preservar el derecho a la imparcialidad de los funcionarios judiciales, a quienes corresponde apartarse del proceso de su conocimiento cuando se tipifica en su caso espec\u00edfico alguna de las causales que se encuentran expresamente descritas en la ley. Estas instituciones integran el derecho al debido proceso, ya que el tr\u00e1mite judicial adelantando por un juez subjetivamente incompetente no puede entenderse ...<br \/><div class=\"pt-cv-rmwrap\"><a href=\"https:\/\/www.dmsjuridica.com\/buscador_20179478954\/corteconstitucionalcronologico202454587\/t-176-08\/\" class=\"_self pt-cv-readmore btn btn-success\" target=\"_self\">Ver Sentencia Completa...<\/a><\/div><\/div><\/div><\/div>\n<div class=\"col-md-12 col-sm-12 col-xs-12 pt-cv-content-item pt-cv-1-col\" ><div class='pt-cv-ifield'><a href=\"https:\/\/www.dmsjuridica.com\/buscador_20179478954\/corteconstitucionalcronologico202454587\/t-175-08\/\" class=\"_self pt-cv-href-thumbnail pt-cv-thumb-default\" target=\"_self\" ><\/a>\n<div class=\"pt-cv-taxoterm above_title\"><a href='https:\/\/www.dmsjuridica.com\/buscador_20179478954\/corteconstitucionalcronologico202454587\/category\/buscar-en-toda-la-corte\/2008\/tutelas-2008\/' title='Tutelas 2008' class='pt-cv-tax-tutelas-2008'>Tutelas 2008<\/a><\/div>\n<h4 class=\"pt-cv-title\"><a href=\"https:\/\/www.dmsjuridica.com\/buscador_20179478954\/corteconstitucionalcronologico202454587\/t-175-08\/\" class=\"_self\" target=\"_self\" >T-175-08<\/a><\/h4>\n<div class=\"pt-cv-content\">\u00a0 \u00a0 Sentencia T-175\/08 \u00a0 (Febrero 21 de 2008) \u00a0 ACCION DE TUTELA-Procedencia excepcional contra actos administrativos cuando se demuestre perjuicio irremediable \u00a0 JUEZ CONSTITUCIONAL-No debe inmiscuirse en el dise\u00f1o de programas o en la consideraci\u00f3n de personas determinadas en listas de elegibles para subsidios o ayudas, salvo en casos de cumplimiento de los requisitos exigidos y el desconocimiento de un derecho fundamental\u00a0 \u00a0 DERECHO A LA VIVIENDA DIGNA-Contenido \u00a0 JUEZ DE TUTELA-No puede individualmente ordenar que se incluya a persona en listado para subsidio \u00a0 SUBSIDIO FAMILIAR DE VIVIENDA-Regulaci\u00f3n normativa \u00a0 DERECHO A LA VIVIENDA DIGNA-Contenido social\u00a0 \u00a0 DERECHO ...<br \/><div class=\"pt-cv-rmwrap\"><a href=\"https:\/\/www.dmsjuridica.com\/buscador_20179478954\/corteconstitucionalcronologico202454587\/t-175-08\/\" class=\"_self pt-cv-readmore btn btn-success\" target=\"_self\">Ver Sentencia Completa...<\/a><\/div><\/div><\/div><\/div>\n<div class=\"col-md-12 col-sm-12 col-xs-12 pt-cv-content-item pt-cv-1-col\" ><div class='pt-cv-ifield'><a href=\"https:\/\/www.dmsjuridica.com\/buscador_20179478954\/corteconstitucionalcronologico202454587\/t-174-08\/\" class=\"_self pt-cv-href-thumbnail pt-cv-thumb-default\" target=\"_self\" ><\/a>\n<div class=\"pt-cv-taxoterm above_title\"><a href='https:\/\/www.dmsjuridica.com\/buscador_20179478954\/corteconstitucionalcronologico202454587\/category\/buscar-en-toda-la-corte\/2008\/tutelas-2008\/' title='Tutelas 2008' class='pt-cv-tax-tutelas-2008'>Tutelas 2008<\/a><\/div>\n<h4 class=\"pt-cv-title\"><a href=\"https:\/\/www.dmsjuridica.com\/buscador_20179478954\/corteconstitucionalcronologico202454587\/t-174-08\/\" class=\"_self\" target=\"_self\" >T-174-08<\/a><\/h4>\n<div class=\"pt-cv-content\">\u00a0 \u00a0 Sentencia T-174\/08 \u00a0 (Febrero 21 de 2008) \u00a0 ACTO ADMINISTRATIVO QUE NIEGA PENSION DE JUBILACION-Procedencia de tutela si se prueba existencia de v\u00eda de hecho\/PRINCIPIO DE FAVORABILIDAD EN LA INTERPRETACION Y APLICACION DE LA LEY-Caso en que el ISS consider\u00f3 al demandante como beneficiario de R\u00e9gimen de transici\u00f3n pero le neg\u00f3 reconocimiento de pensi\u00f3n por estimar que no le era aplicable Ley 33\/85\/PENSION DE JUBILACION-Caso en que se neg\u00f3 por el ISS por la inaplicaci\u00f3n injustificada de norma m\u00e1s favorable\/PENSION DE JUBILACION-Caso en que el ISS consider\u00f3 que no era aplicable al demandante el r\u00e9gimen de veinte a\u00f1os ...<br \/><div class=\"pt-cv-rmwrap\"><a href=\"https:\/\/www.dmsjuridica.com\/buscador_20179478954\/corteconstitucionalcronologico202454587\/t-174-08\/\" class=\"_self pt-cv-readmore btn btn-success\" target=\"_self\">Ver Sentencia Completa...<\/a><\/div><\/div><\/div><\/div>\n<div class=\"col-md-12 col-sm-12 col-xs-12 pt-cv-content-item pt-cv-1-col\" ><div class='pt-cv-ifield'><a href=\"https:\/\/www.dmsjuridica.com\/buscador_20179478954\/corteconstitucionalcronologico202454587\/t-173-08\/\" class=\"_self pt-cv-href-thumbnail pt-cv-thumb-default\" target=\"_self\" ><\/a>\n<div class=\"pt-cv-taxoterm above_title\"><a href='https:\/\/www.dmsjuridica.com\/buscador_20179478954\/corteconstitucionalcronologico202454587\/category\/buscar-en-toda-la-corte\/2008\/tutelas-2008\/' title='Tutelas 2008' class='pt-cv-tax-tutelas-2008'>Tutelas 2008<\/a><\/div>\n<h4 class=\"pt-cv-title\"><a href=\"https:\/\/www.dmsjuridica.com\/buscador_20179478954\/corteconstitucionalcronologico202454587\/t-173-08\/\" class=\"_self\" target=\"_self\" >T-173-08<\/a><\/h4>\n<div class=\"pt-cv-content\">\u00a0 \u00a0 Sentencia T-173\/08 \u00a0 DERECHO A LA SALUD-Suministro de medicamentos excluidos del POS\u00a0 \u00a0 DERECHO A LA SALUD-Afiliada cotizante que est\u00e1 desafiliada por atraso en los pagos, pero los medicamentos se ordenaron cuando a\u00fan se encontraba vigente afiliaci\u00f3n\/DERECHO A LA SALUD Y PRINCIPIO DE CONTINUIDAD EN LA PRESTACI\u00d3N DEL SERVICIO DE SALUD-Subregla a aplicar en el caso concreto \u00a0 A partir de las consideraciones expuestas en la presenten providencia relacionadas con el principio de continuidad, las EPS no pueden suspender la prestaci\u00f3n del servicio de salud, si con ello se pone en peligro la vida, la salud y la ...<br \/><div class=\"pt-cv-rmwrap\"><a href=\"https:\/\/www.dmsjuridica.com\/buscador_20179478954\/corteconstitucionalcronologico202454587\/t-173-08\/\" class=\"_self pt-cv-readmore btn btn-success\" target=\"_self\">Ver Sentencia Completa...<\/a><\/div><\/div><\/div><\/div>\n<div class=\"col-md-12 col-sm-12 col-xs-12 pt-cv-content-item pt-cv-1-col\" ><div class='pt-cv-ifield'><a href=\"https:\/\/www.dmsjuridica.com\/buscador_20179478954\/corteconstitucionalcronologico202454587\/t-172-08\/\" class=\"_self pt-cv-href-thumbnail pt-cv-thumb-default\" target=\"_self\" ><\/a>\n<div class=\"pt-cv-taxoterm above_title\"><a href='https:\/\/www.dmsjuridica.com\/buscador_20179478954\/corteconstitucionalcronologico202454587\/category\/buscar-en-toda-la-corte\/2008\/tutelas-2008\/' title='Tutelas 2008' class='pt-cv-tax-tutelas-2008'>Tutelas 2008<\/a><\/div>\n<h4 class=\"pt-cv-title\"><a href=\"https:\/\/www.dmsjuridica.com\/buscador_20179478954\/corteconstitucionalcronologico202454587\/t-172-08\/\" class=\"_self\" target=\"_self\" >T-172-08<\/a><\/h4>\n<div class=\"pt-cv-content\">\u00a0 \u00a0 Sentencia T-172\/08 \u00a0 ACCION DE TUTELA CONTRA PROVIDENCIAS JUDICIALES-Reiteraci\u00f3n de jurisprudencia e hip\u00f3tesis en que resulta procedente \u00a0 Como conclusi\u00f3n del desarrollo jurisprudencial ofrecido por esta Corporaci\u00f3n, han sido establecidas determinadas hip\u00f3tesis en las cuales resulta procedente la petici\u00f3n de amparo en contra de providencias judiciales. Sobre el particular, en sentencia C-590 de 2005 la Corporaci\u00f3n estableci\u00f3 los siguientes defectos, cuya ocurrencia hacen viable la solicitud de tutela: (i) Defecto org\u00e1nico, el cual tiene lugar cuando el funcionario judicial que emite la decisi\u00f3n carece, de manera absoluta, de competencia para ello. (ii) Defecto procedimental absoluto, cuya ocurrencia depende ...<br \/><div class=\"pt-cv-rmwrap\"><a href=\"https:\/\/www.dmsjuridica.com\/buscador_20179478954\/corteconstitucionalcronologico202454587\/t-172-08\/\" class=\"_self pt-cv-readmore btn btn-success\" target=\"_self\">Ver Sentencia Completa...<\/a><\/div><\/div><\/div><\/div>\n<div class=\"col-md-12 col-sm-12 col-xs-12 pt-cv-content-item pt-cv-1-col\" ><div class='pt-cv-ifield'><a href=\"https:\/\/www.dmsjuridica.com\/buscador_20179478954\/corteconstitucionalcronologico202454587\/t-171-08\/\" class=\"_self pt-cv-href-thumbnail pt-cv-thumb-default\" target=\"_self\" ><\/a>\n<div class=\"pt-cv-taxoterm above_title\"><a href='https:\/\/www.dmsjuridica.com\/buscador_20179478954\/corteconstitucionalcronologico202454587\/category\/buscar-en-toda-la-corte\/2008\/tutelas-2008\/' title='Tutelas 2008' class='pt-cv-tax-tutelas-2008'>Tutelas 2008<\/a><\/div>\n<h4 class=\"pt-cv-title\"><a href=\"https:\/\/www.dmsjuridica.com\/buscador_20179478954\/corteconstitucionalcronologico202454587\/t-171-08\/\" class=\"_self\" target=\"_self\" >T-171-08<\/a><\/h4>\n<div class=\"pt-cv-content\">\u00a0 \u00a0 Sentencia T-171\/08 \u00a0 DERECHO A LA SALUD DEL MENOR-Caso en que no se ordena el suministro de hormona de crecimiento por cuanto debe atenderse el criterio del m\u00e9dico tratante \u00a0 Para ordenar el suministro de la hormona de crecimiento, como medicamento excluido del P. O. S. se requiere verificar en el caso concreto, el cumplimiento de los requisitos exigidos por la jurisprudencia de esta corporaci\u00f3n para la inaplicaci\u00f3n de las normas que limitan la cobertura de atenci\u00f3n en salud. En relaci\u00f3n con la primera de estas exigencias, esto es, la necesidad del medicamento para garantizar los derechos fundamentales ...<br \/><div class=\"pt-cv-rmwrap\"><a href=\"https:\/\/www.dmsjuridica.com\/buscador_20179478954\/corteconstitucionalcronologico202454587\/t-171-08\/\" class=\"_self pt-cv-readmore btn btn-success\" target=\"_self\">Ver Sentencia Completa...<\/a><\/div><\/div><\/div><\/div>\n<div class=\"col-md-12 col-sm-12 col-xs-12 pt-cv-content-item pt-cv-1-col\" ><div class='pt-cv-ifield'><a href=\"https:\/\/www.dmsjuridica.com\/buscador_20179478954\/corteconstitucionalcronologico202454587\/t-170-08\/\" class=\"_self pt-cv-href-thumbnail pt-cv-thumb-default\" target=\"_self\" ><\/a>\n<div class=\"pt-cv-taxoterm above_title\"><a href='https:\/\/www.dmsjuridica.com\/buscador_20179478954\/corteconstitucionalcronologico202454587\/category\/buscar-en-toda-la-corte\/2008\/tutelas-2008\/' title='Tutelas 2008' class='pt-cv-tax-tutelas-2008'>Tutelas 2008<\/a><\/div>\n<h4 class=\"pt-cv-title\"><a href=\"https:\/\/www.dmsjuridica.com\/buscador_20179478954\/corteconstitucionalcronologico202454587\/t-170-08\/\" class=\"_self\" target=\"_self\" >T-170-08<\/a><\/h4>\n<div class=\"pt-cv-content\">\u00a0 \u00a0 Sentencia T-170\/08 \u00a0 DERECHO DE PETICION EN MATERIA PENSIONAL-T\u00e9rminos para resolver solicitudes de reconocimiento y pago \u00a0 CONFLICTO DE COMPETENCIA EN TUTELA-Autoridad p\u00fablica del nacional\/DERECHO DE PETICION-Competencia a nivel nacional del ISS \u00a0 Dada la presencia de las entidades de previsi\u00f3n en la mayor parte del territorio nacional, resulta entonces indiferente el lugar donde se reclame el reconocimiento de las prestaciones a su cargo, como tambi\u00e9n lo es, llegado el caso, el lugar donde se promueva la defensa de los derechos fundamentales de los solicitantes, presuntamente conculcados con la omisi\u00f3n de dichas instituciones, ya que no obstante su ...<br \/><div class=\"pt-cv-rmwrap\"><a href=\"https:\/\/www.dmsjuridica.com\/buscador_20179478954\/corteconstitucionalcronologico202454587\/t-170-08\/\" class=\"_self pt-cv-readmore btn btn-success\" target=\"_self\">Ver Sentencia Completa...<\/a><\/div><\/div><\/div><\/div>\n<div class=\"col-md-12 col-sm-12 col-xs-12 pt-cv-content-item pt-cv-1-col\" ><div class='pt-cv-ifield'><a href=\"https:\/\/www.dmsjuridica.com\/buscador_20179478954\/corteconstitucionalcronologico202454587\/t-169-08\/\" class=\"_self pt-cv-href-thumbnail pt-cv-thumb-default\" target=\"_self\" ><\/a>\n<div class=\"pt-cv-taxoterm above_title\"><a href='https:\/\/www.dmsjuridica.com\/buscador_20179478954\/corteconstitucionalcronologico202454587\/category\/buscar-en-toda-la-corte\/2008\/tutelas-2008\/' title='Tutelas 2008' class='pt-cv-tax-tutelas-2008'>Tutelas 2008<\/a><\/div>\n<h4 class=\"pt-cv-title\"><a href=\"https:\/\/www.dmsjuridica.com\/buscador_20179478954\/corteconstitucionalcronologico202454587\/t-169-08\/\" class=\"_self\" target=\"_self\" >T-169-08<\/a><\/h4>\n<div class=\"pt-cv-content\">\u00a0 \u00a0 \u00a0 \u00a0 Sentencia T-169\/08 \u00a0 ACCION DE TUTELA CONTRA PARTICULARES-Estado de indefensi\u00f3n de mujer embarazada\u00a0 \u00a0 DERECHO A LA ESTABILIDAD LABORAL REFORZADA DE MUJER EMBARAZADA-Casos en que procede protecci\u00f3n \u00a0 MUJER EMBARAZADA DOCENTE EN CONTRATO QUE SE HABIA VENIDO RENOVANDO DURANTE VARIOS A\u00d1OS-Caso en que no se desvirtu\u00f3 la presunci\u00f3n de discriminaci\u00f3n por el embarazo \u00a0 No aparece desvirtuada en este caso la presunci\u00f3n de discriminaci\u00f3n por el embarazo para no efectuar \u201cla recontrataci\u00f3n\u201d de la se\u00f1ora Wilches Toro, toda vez que entre la Corporaci\u00f3n Dios es Amor y ella se hab\u00eda venido renovando el contrato laboral desde ...<br \/><div class=\"pt-cv-rmwrap\"><a href=\"https:\/\/www.dmsjuridica.com\/buscador_20179478954\/corteconstitucionalcronologico202454587\/t-169-08\/\" class=\"_self pt-cv-readmore btn btn-success\" target=\"_self\">Ver Sentencia Completa...<\/a><\/div><\/div><\/div><\/div>\n<div class=\"col-md-12 col-sm-12 col-xs-12 pt-cv-content-item pt-cv-1-col\" ><div class='pt-cv-ifield'><a href=\"https:\/\/www.dmsjuridica.com\/buscador_20179478954\/corteconstitucionalcronologico202454587\/t-168-08\/\" class=\"_self pt-cv-href-thumbnail pt-cv-thumb-default\" target=\"_self\" ><\/a>\n<div class=\"pt-cv-taxoterm above_title\"><a href='https:\/\/www.dmsjuridica.com\/buscador_20179478954\/corteconstitucionalcronologico202454587\/category\/buscar-en-toda-la-corte\/2008\/tutelas-2008\/' title='Tutelas 2008' class='pt-cv-tax-tutelas-2008'>Tutelas 2008<\/a><\/div>\n<h4 class=\"pt-cv-title\"><a href=\"https:\/\/www.dmsjuridica.com\/buscador_20179478954\/corteconstitucionalcronologico202454587\/t-168-08\/\" class=\"_self\" target=\"_self\" >T-168-08<\/a><\/h4>\n<div class=\"pt-cv-content\">\u00a0 \u00a0 Sentencia T-168\/08 \u00a0 DERECHO A LA SALUD-Hecho superado por pr\u00e1ctica de cirug\u00eda ocular a cargo de la Secretar\u00eda de Salud Departamental \u00a0 Referencia: expediente T-1.726.896 \u00a0 Accionante: Jos\u00e9 Solano S\u00e1nchez\u00a0 \u00a0 Procedencia: Juzgado Laboral del Circuito de Aguachica-Cesar \u00a0 Magistrado Ponente:\u00a0 \u00a0 Dr. MARCO GERARDO MONROY CABRA \u00a0 Bogot\u00e1 D.C., veintiuno (21) de febrero de dos mil ocho (2008). \u00a0 La Sala Sexta de la Corte Constitucional, integrada por los Magistrados doctores, Humberto Antonio Sierra Porto, Nilson Pinilla Pinilla y Marco Gerardo Monroy Cabra, quien la preside, en ejercicio de sus competencias constitucionales y legales ha pronunciado la ...<br \/><div class=\"pt-cv-rmwrap\"><a href=\"https:\/\/www.dmsjuridica.com\/buscador_20179478954\/corteconstitucionalcronologico202454587\/t-168-08\/\" class=\"_self pt-cv-readmore btn btn-success\" target=\"_self\">Ver Sentencia Completa...<\/a><\/div><\/div><\/div><\/div>\n<div class=\"col-md-12 col-sm-12 col-xs-12 pt-cv-content-item pt-cv-1-col\" ><div class='pt-cv-ifield'><a href=\"https:\/\/www.dmsjuridica.com\/buscador_20179478954\/corteconstitucionalcronologico202454587\/t-167-08\/\" class=\"_self pt-cv-href-thumbnail pt-cv-thumb-default\" target=\"_self\" ><\/a>\n<div class=\"pt-cv-taxoterm above_title\"><a href='https:\/\/www.dmsjuridica.com\/buscador_20179478954\/corteconstitucionalcronologico202454587\/category\/buscar-en-toda-la-corte\/2008\/tutelas-2008\/' title='Tutelas 2008' class='pt-cv-tax-tutelas-2008'>Tutelas 2008<\/a><\/div>\n<h4 class=\"pt-cv-title\"><a href=\"https:\/\/www.dmsjuridica.com\/buscador_20179478954\/corteconstitucionalcronologico202454587\/t-167-08\/\" class=\"_self\" target=\"_self\" >T-167-08<\/a><\/h4>\n<div class=\"pt-cv-content\">\u00a0 \u00a0 Sentencia T-167\/08 \u00a0 ACCION DE TUTELA-Hecho superado porque la obligaci\u00f3n se hab\u00eda cancelado a Bancaf\u00e9 desde el a\u00f1o 2001 y CISA expidi\u00f3 paz y salvo en 2004\/HABEAS DATA-Informaci\u00f3n negativa no puede tener una duraci\u00f3n indefinida\/HABEAS DATA-Aplicaci\u00f3n de criterios jurisprudenciales expuestos en SU-082\/95 \u00a0 Ha sido reiterada la posici\u00f3n de la Corte, al se\u00f1alar que la informaci\u00f3n negativa no puede tener una permanencia indefinida, por tanto se dijo que hasta tanto el legislador no expida una ley estatutaria, en la cual se\u00f1ale los l\u00edmites temporales en relaci\u00f3n con la permanencia de la informaci\u00f3n almacenada en las bases de datos ...<br \/><div class=\"pt-cv-rmwrap\"><a href=\"https:\/\/www.dmsjuridica.com\/buscador_20179478954\/corteconstitucionalcronologico202454587\/t-167-08\/\" class=\"_self pt-cv-readmore btn btn-success\" target=\"_self\">Ver Sentencia Completa...<\/a><\/div><\/div><\/div><\/div>\n<div class=\"col-md-12 col-sm-12 col-xs-12 pt-cv-content-item pt-cv-1-col\" ><div class='pt-cv-ifield'><a href=\"https:\/\/www.dmsjuridica.com\/buscador_20179478954\/corteconstitucionalcronologico202454587\/t-166-08\/\" class=\"_self pt-cv-href-thumbnail pt-cv-thumb-default\" target=\"_self\" ><\/a>\n<div class=\"pt-cv-taxoterm above_title\"><a href='https:\/\/www.dmsjuridica.com\/buscador_20179478954\/corteconstitucionalcronologico202454587\/category\/buscar-en-toda-la-corte\/2008\/tutelas-2008\/' title='Tutelas 2008' class='pt-cv-tax-tutelas-2008'>Tutelas 2008<\/a><\/div>\n<h4 class=\"pt-cv-title\"><a href=\"https:\/\/www.dmsjuridica.com\/buscador_20179478954\/corteconstitucionalcronologico202454587\/t-166-08\/\" class=\"_self\" target=\"_self\" >T-166-08<\/a><\/h4>\n<div class=\"pt-cv-content\">\u00a0 \u00a0 Sentencia T-166\/08 \u00a0 DERECHO DE PETICI \u00a0 \u00a0 \u00a0 \u00a0ON DE DEUDOR-Se vulnera cuando la Cooperativa de car\u00e1cter privado a la que pertenece no da respuesta a solicitud de informaci\u00f3n sobre pr\u00e9stamo, pagos y estado de cuenta \u00a0 ACCION DE TUTELA CONTRA COOPERATIVA-Procedencia\/ACCION DE TUTELA CONTRA PARTICULARES-Reiteraci\u00f3n de jurisprudencia y aplicaci\u00f3n a la relaci\u00f3n entre el deudor y el acreedor \u00a0 De conformidad con la doctrina sostenida por esta Corte, encuentra la Sala Segunda de Revisi\u00f3n que la presente tutela, instaurada contra una persona jur\u00eddica privada, es procedente por prestar \u00e9sta un servicio p\u00fablico (adelantar actividad de financiaci\u00f3n ...<br \/><div class=\"pt-cv-rmwrap\"><a href=\"https:\/\/www.dmsjuridica.com\/buscador_20179478954\/corteconstitucionalcronologico202454587\/t-166-08\/\" class=\"_self pt-cv-readmore btn btn-success\" target=\"_self\">Ver Sentencia Completa...<\/a><\/div><\/div><\/div><\/div>\n<div class=\"col-md-12 col-sm-12 col-xs-12 pt-cv-content-item pt-cv-1-col\" ><div class='pt-cv-ifield'><a href=\"https:\/\/www.dmsjuridica.com\/buscador_20179478954\/corteconstitucionalcronologico202454587\/t-165-08\/\" class=\"_self pt-cv-href-thumbnail pt-cv-thumb-default\" target=\"_self\" ><\/a>\n<div class=\"pt-cv-taxoterm above_title\"><a href='https:\/\/www.dmsjuridica.com\/buscador_20179478954\/corteconstitucionalcronologico202454587\/category\/buscar-en-toda-la-corte\/2008\/tutelas-2008\/' title='Tutelas 2008' class='pt-cv-tax-tutelas-2008'>Tutelas 2008<\/a><\/div>\n<h4 class=\"pt-cv-title\"><a href=\"https:\/\/www.dmsjuridica.com\/buscador_20179478954\/corteconstitucionalcronologico202454587\/t-165-08\/\" class=\"_self\" target=\"_self\" >T-165-08<\/a><\/h4>\n<div class=\"pt-cv-content\">\u00a0 \u00a0 Sentencia T-165\/08 \u00a0 En el presente caso, procede la acci\u00f3n de tutela contra particulares. La peticionaria se encuentra en estado de indefensi\u00f3n, por cuanto ha sido gravemente afectada en su salud y en su integridad personal, en aplicaci\u00f3n de un tratamiento cosmetol\u00f3gico y no dispone de medios jur\u00eddicos para acceder a la informaci\u00f3n que requiere. Es clara la situaci\u00f3n de vulnerabilidad en la que se encuentra la v\u00edctima, como consecuencia del procedimiento que le practic\u00f3 la demandada, por cuanto ha requerido de un tratamiento m\u00e9dico para curar las lesiones producidas. As\u00ed mismo, con el fin de proferir un ...<br \/><div class=\"pt-cv-rmwrap\"><a href=\"https:\/\/www.dmsjuridica.com\/buscador_20179478954\/corteconstitucionalcronologico202454587\/t-165-08\/\" class=\"_self pt-cv-readmore btn btn-success\" target=\"_self\">Ver Sentencia Completa...<\/a><\/div><\/div><\/div><\/div>\n<div class=\"col-md-12 col-sm-12 col-xs-12 pt-cv-content-item pt-cv-1-col\" ><div class='pt-cv-ifield'><a href=\"https:\/\/www.dmsjuridica.com\/buscador_20179478954\/corteconstitucionalcronologico202454587\/t-164-08\/\" class=\"_self pt-cv-href-thumbnail pt-cv-thumb-default\" target=\"_self\" ><\/a>\n<div class=\"pt-cv-taxoterm above_title\"><a href='https:\/\/www.dmsjuridica.com\/buscador_20179478954\/corteconstitucionalcronologico202454587\/category\/buscar-en-toda-la-corte\/2008\/tutelas-2008\/' title='Tutelas 2008' class='pt-cv-tax-tutelas-2008'>Tutelas 2008<\/a><\/div>\n<h4 class=\"pt-cv-title\"><a href=\"https:\/\/www.dmsjuridica.com\/buscador_20179478954\/corteconstitucionalcronologico202454587\/t-164-08\/\" class=\"_self\" target=\"_self\" >T-164-08<\/a><\/h4>\n<div class=\"pt-cv-content\">\u00a0 \u00a0 Sentencia T-164\/08 \u00a0 ACCION DE TUTELA CONTRA LA ESAP-Caso en que la matr\u00edcula no fue formalizada conforme al reglamento estudiantil\/DERECHO A LA EDUCACION-Formalizaci\u00f3n de matr\u00edcula\/EDUCACION-Derecho deber\/REGLAMENTO ESTUDIANTIL-Aplicaci\u00f3n\/DERECHOS FUNDAMENTALES-Inexistencia de vulneraci\u00f3n por no renovaci\u00f3n de matr\u00edcula en t\u00e9rmino establecido\/ESTABLECIMIENTO EDUCATIVO-Posibilidad de fijar fechas l\u00edmites para pagos y matr\u00edculas de alumnos \u00a0 La Corte ha determinado que la negativa de las instituciones educativas a matricular estudiantes que no han cumplido con los requisitos para formalizar su matricula o lo hicieron por fuera de los plazos establecidos por la instituci\u00f3n, no vulnera el derecho a la educaci\u00f3n, salvo que (i) el ...<br \/><div class=\"pt-cv-rmwrap\"><a href=\"https:\/\/www.dmsjuridica.com\/buscador_20179478954\/corteconstitucionalcronologico202454587\/t-164-08\/\" class=\"_self pt-cv-readmore btn btn-success\" target=\"_self\">Ver Sentencia Completa...<\/a><\/div><\/div><\/div><\/div>\n<div class=\"col-md-12 col-sm-12 col-xs-12 pt-cv-content-item pt-cv-1-col\" ><div class='pt-cv-ifield'><a href=\"https:\/\/www.dmsjuridica.com\/buscador_20179478954\/corteconstitucionalcronologico202454587\/t-160-08\/\" class=\"_self pt-cv-href-thumbnail pt-cv-thumb-default\" target=\"_self\" ><\/a>\n<div class=\"pt-cv-taxoterm above_title\"><a href='https:\/\/www.dmsjuridica.com\/buscador_20179478954\/corteconstitucionalcronologico202454587\/category\/buscar-en-toda-la-corte\/2008\/tutelas-2008\/' title='Tutelas 2008' class='pt-cv-tax-tutelas-2008'>Tutelas 2008<\/a><\/div>\n<h4 class=\"pt-cv-title\"><a href=\"https:\/\/www.dmsjuridica.com\/buscador_20179478954\/corteconstitucionalcronologico202454587\/t-160-08\/\" class=\"_self\" target=\"_self\" >T-160-08<\/a><\/h4>\n<div class=\"pt-cv-content\">\u00a0 \u00a0 Sentencia T-160\/08 \u00a0 (Febrero 19 de 2008) \u00a0 ACCION DE TUTELA-Hecho superado por inclusi\u00f3n en n\u00f3mina de pensionado \u00a0 Referencia: expediente T-1.587.977 \u00a0 Accionante: Mario de Jes\u00fas Su\u00e1rez Bedoya. \u00a0 Accionados: Instituto de Seguro Social.\u00a0 \u00a0 Fallo de tutela objeto de revisi\u00f3n: Sentencia de la Sala Laboral del Tribunal Superior de Medell\u00edn del 6 de marzo de 2007, confirmatoria de sentencia del Juzgado D\u00e9cimo Laboral del Circuito de Medell\u00edn del 12 de febrero de 2007.\u00a0 \u00a0 Magistrados de la Sala Quinta de Revisi\u00f3n: Mauricio Gonz\u00e1lez Cuervo, Marco Gerardo Monroy Cabra, Nilson Pinilla Pinilla. \u00a0 Magistrado Ponente: Dr. MAURICIO ...<br \/><div class=\"pt-cv-rmwrap\"><a href=\"https:\/\/www.dmsjuridica.com\/buscador_20179478954\/corteconstitucionalcronologico202454587\/t-160-08\/\" class=\"_self pt-cv-readmore btn btn-success\" target=\"_self\">Ver Sentencia Completa...<\/a><\/div><\/div><\/div><\/div>\n<div class=\"col-md-12 col-sm-12 col-xs-12 pt-cv-content-item pt-cv-1-col\" ><div class='pt-cv-ifield'><a href=\"https:\/\/www.dmsjuridica.com\/buscador_20179478954\/corteconstitucionalcronologico202454587\/t-159-08\/\" class=\"_self pt-cv-href-thumbnail pt-cv-thumb-default\" target=\"_self\" ><\/a>\n<div class=\"pt-cv-taxoterm above_title\"><a href='https:\/\/www.dmsjuridica.com\/buscador_20179478954\/corteconstitucionalcronologico202454587\/category\/buscar-en-toda-la-corte\/2008\/tutelas-2008\/' title='Tutelas 2008' class='pt-cv-tax-tutelas-2008'>Tutelas 2008<\/a><\/div>\n<h4 class=\"pt-cv-title\"><a href=\"https:\/\/www.dmsjuridica.com\/buscador_20179478954\/corteconstitucionalcronologico202454587\/t-159-08\/\" class=\"_self\" target=\"_self\" >T-159-08<\/a><\/h4>\n<div class=\"pt-cv-content\">\u00a0 \u00a0 Sentencia T-159\/08 \u00a0 (Febrero 19 de 2008) \u00a0 DERECHO A LA SALUD DEL ADULTO MAYOR-Suministro de medicamento oft\u00e1lmico excluido del POS \u00a0 Para el caso, est\u00e1 acreditado que la falta de suministro del medicamento formulado al actor afecta su derecho a la salud, a la integridad personal y al goce de una vida digna por hallarse pr\u00f3ximo a la ceguera, debido a la alta presi\u00f3n que padece en ambos ojos con la consecuente y grave lesi\u00f3n del nervio \u00f3ptico. Tambi\u00e9n aparece demostrado que el medicamento requerido por el actor para el tratamiento de la enfermedad de glaucoma avanzado ...<br \/><div class=\"pt-cv-rmwrap\"><a href=\"https:\/\/www.dmsjuridica.com\/buscador_20179478954\/corteconstitucionalcronologico202454587\/t-159-08\/\" class=\"_self pt-cv-readmore btn btn-success\" target=\"_self\">Ver Sentencia Completa...<\/a><\/div><\/div><\/div><\/div>\n<div class=\"col-md-12 col-sm-12 col-xs-12 pt-cv-content-item pt-cv-1-col\" ><div class='pt-cv-ifield'><a href=\"https:\/\/www.dmsjuridica.com\/buscador_20179478954\/corteconstitucionalcronologico202454587\/t-158-08\/\" class=\"_self pt-cv-href-thumbnail pt-cv-thumb-default\" target=\"_self\" ><\/a>\n<div class=\"pt-cv-taxoterm above_title\"><a href='https:\/\/www.dmsjuridica.com\/buscador_20179478954\/corteconstitucionalcronologico202454587\/category\/buscar-en-toda-la-corte\/2008\/tutelas-2008\/' title='Tutelas 2008' class='pt-cv-tax-tutelas-2008'>Tutelas 2008<\/a><\/div>\n<h4 class=\"pt-cv-title\"><a href=\"https:\/\/www.dmsjuridica.com\/buscador_20179478954\/corteconstitucionalcronologico202454587\/t-158-08\/\" class=\"_self\" target=\"_self\" >T-158-08<\/a><\/h4>\n<div class=\"pt-cv-content\">\u00a0 \u00a0 Sentencia T-158\/08 \u00a0 LEGITIMACION POR ACTIVA EN TUTELA-Caso en que joven lleg\u00f3 a mayor\u00eda de edad pero se encontraba enfermo\u00a0 \u00a0 DERECHO A LA SALUD Y CAPACIDAD ECONOMICA-Subregla a aplicar en caso de copago, cuotas moderadoras, cuotas de recuperaci\u00f3n o pago de porcentaje\u00a0 \u00a0 Es posible concluir que en materia de copagos y cuotas moderadoras, es indispensable atender a la capacidad econ\u00f3mica de los afiliados y al tipo de tratamiento, medicamento o procedimiento sobre el cual se pretende aplicar el pago moderador, puesto que, en ocasiones, adem\u00e1s de estar de por medio el derecho a la salud y ...<br \/><div class=\"pt-cv-rmwrap\"><a href=\"https:\/\/www.dmsjuridica.com\/buscador_20179478954\/corteconstitucionalcronologico202454587\/t-158-08\/\" class=\"_self pt-cv-readmore btn btn-success\" target=\"_self\">Ver Sentencia Completa...<\/a><\/div><\/div><\/div><\/div>\n<div class=\"col-md-12 col-sm-12 col-xs-12 pt-cv-content-item pt-cv-1-col\" ><div class='pt-cv-ifield'><a href=\"https:\/\/www.dmsjuridica.com\/buscador_20179478954\/corteconstitucionalcronologico202454587\/t-157-08\/\" class=\"_self pt-cv-href-thumbnail pt-cv-thumb-default\" target=\"_self\" ><\/a>\n<div class=\"pt-cv-taxoterm above_title\"><a href='https:\/\/www.dmsjuridica.com\/buscador_20179478954\/corteconstitucionalcronologico202454587\/category\/buscar-en-toda-la-corte\/2008\/tutelas-2008\/' title='Tutelas 2008' class='pt-cv-tax-tutelas-2008'>Tutelas 2008<\/a><\/div>\n<h4 class=\"pt-cv-title\"><a href=\"https:\/\/www.dmsjuridica.com\/buscador_20179478954\/corteconstitucionalcronologico202454587\/t-157-08\/\" class=\"_self\" target=\"_self\" >T-157-08<\/a><\/h4>\n<div class=\"pt-cv-content\">\u00a0 \u00a0 Sentencia T-157\/08\u00a0 \u00a0 EMPLEADO NOMBRADO EN PROVISIONALIDAD EN CARGO DE CARRERA ADMINISTRATIVA EN FISCALIA GENERAL DE LA NACION-Necesidad de motivaci\u00f3n del acto de desvinculaci\u00f3n \u00a0 De acuerdo con la jurisprudencia de esta Corporaci\u00f3n, el servidor p\u00fablico que ha sido nombrado de manera provisional en un cargo de carrera, en este caso de la correspondiente a la Fiscal\u00eda General de la Naci\u00f3n, goza de una estabilidad laboral intermedia entre aquel que ocupa el cargo en propiedad y aquel que ocupa un cargo de libre nombramiento y remoci\u00f3n, y, por tanto, no obstante hay provisionalidad en la vinculaci\u00f3n al cargo, ...<br \/><div class=\"pt-cv-rmwrap\"><a href=\"https:\/\/www.dmsjuridica.com\/buscador_20179478954\/corteconstitucionalcronologico202454587\/t-157-08\/\" class=\"_self pt-cv-readmore btn btn-success\" target=\"_self\">Ver Sentencia Completa...<\/a><\/div><\/div><\/div><\/div>\n<div class=\"col-md-12 col-sm-12 col-xs-12 pt-cv-content-item pt-cv-1-col\" ><div class='pt-cv-ifield'><a href=\"https:\/\/www.dmsjuridica.com\/buscador_20179478954\/corteconstitucionalcronologico202454587\/t-156-08\/\" class=\"_self pt-cv-href-thumbnail pt-cv-thumb-default\" target=\"_self\" ><\/a>\n<div class=\"pt-cv-taxoterm above_title\"><a href='https:\/\/www.dmsjuridica.com\/buscador_20179478954\/corteconstitucionalcronologico202454587\/category\/buscar-en-toda-la-corte\/2008\/tutelas-2008\/' title='Tutelas 2008' class='pt-cv-tax-tutelas-2008'>Tutelas 2008<\/a><\/div>\n<h4 class=\"pt-cv-title\"><a href=\"https:\/\/www.dmsjuridica.com\/buscador_20179478954\/corteconstitucionalcronologico202454587\/t-156-08\/\" class=\"_self\" target=\"_self\" >T-156-08<\/a><\/h4>\n<div class=\"pt-cv-content\">\u00a0 \u00a0 Sentencia T-156\/08 \u00a0 DESPLAZAMIENTO INTERNO Y ESTADO DE COSAS INCONSTITUCIONAL-Reiteraci\u00f3n de jurisprudencia \u00a0 Todas las pol\u00edticas p\u00fablicas que aparecieron luego de entrada en vigencia de la Ley 387 de 1997 y su decreto reglamentario, fueron ejecutadas conforme a lo dispuesto en ellas y en el a\u00f1o 2004, esta Corporaci\u00f3n en Sentencia T-025 con ponencia del Magistrado Manuel Jos\u00e9 Cepeda Espinosa, se pronunci\u00f3 sobre los resultados obtenidos y los inconvenientes surgidos con su aplicaci\u00f3n. De esta forma, en dicha sentencia la Sala de Revisi\u00f3n concluy\u00f3 que debido a (1) la grave crisis humanitaria y la vulneraci\u00f3n constante de los ...<br \/><div class=\"pt-cv-rmwrap\"><a href=\"https:\/\/www.dmsjuridica.com\/buscador_20179478954\/corteconstitucionalcronologico202454587\/t-156-08\/\" class=\"_self pt-cv-readmore btn btn-success\" target=\"_self\">Ver Sentencia Completa...<\/a><\/div><\/div><\/div><\/div>\n<div class=\"col-md-12 col-sm-12 col-xs-12 pt-cv-content-item pt-cv-1-col\" ><div class='pt-cv-ifield'><a href=\"https:\/\/www.dmsjuridica.com\/buscador_20179478954\/corteconstitucionalcronologico202454587\/t-155-08\/\" class=\"_self pt-cv-href-thumbnail pt-cv-thumb-default\" target=\"_self\" ><\/a>\n<div class=\"pt-cv-taxoterm above_title\"><a href='https:\/\/www.dmsjuridica.com\/buscador_20179478954\/corteconstitucionalcronologico202454587\/category\/buscar-en-toda-la-corte\/2008\/tutelas-2008\/' title='Tutelas 2008' class='pt-cv-tax-tutelas-2008'>Tutelas 2008<\/a><\/div>\n<h4 class=\"pt-cv-title\"><a href=\"https:\/\/www.dmsjuridica.com\/buscador_20179478954\/corteconstitucionalcronologico202454587\/t-155-08\/\" class=\"_self\" target=\"_self\" >T-155-08<\/a><\/h4>\n<div class=\"pt-cv-content\">\u00a0 \u00a0 Sentencia T-155\/08 \u00a0 ACCION DE TUTELA-Hecho superado por reconocimiento de pensi\u00f3n \u00a0 Referencia: expediente T-1780980 \u00a0 Accionante: Mar\u00eda Adelfa Vallejo Castrill\u00f3n. \u00a0 Accionado: Seguro Social -Pensiones-, Seccional Antioquia. \u00a0 Magistrado Ponente: \u00a0 Dr. RODRIGO ESCOBAR GIL \u00a0 Bogot\u00e1, D. C., quince (15) de febrero de dos mil ocho (2008). \u00a0 SENTENCIA \u00a0 En el tr\u00e1mite de revisi\u00f3n de los fallos de tutela proferidos por el Juzgado Trece Civil del Circuito de Medell\u00edn \u00a0y la Sala Civil del Tribunal Superior del Distrito Judicial de la misma ciudad; en relaci\u00f3n con la acci\u00f3n de amparo constitucional instaurada por la se\u00f1ora ...<br \/><div class=\"pt-cv-rmwrap\"><a href=\"https:\/\/www.dmsjuridica.com\/buscador_20179478954\/corteconstitucionalcronologico202454587\/t-155-08\/\" class=\"_self pt-cv-readmore btn btn-success\" target=\"_self\">Ver Sentencia Completa...<\/a><\/div><\/div><\/div><\/div>\n<div class=\"col-md-12 col-sm-12 col-xs-12 pt-cv-content-item pt-cv-1-col\" ><div class='pt-cv-ifield'><a href=\"https:\/\/www.dmsjuridica.com\/buscador_20179478954\/corteconstitucionalcronologico202454587\/t-154-08\/\" class=\"_self pt-cv-href-thumbnail pt-cv-thumb-default\" target=\"_self\" ><\/a>\n<div class=\"pt-cv-taxoterm above_title\"><a href='https:\/\/www.dmsjuridica.com\/buscador_20179478954\/corteconstitucionalcronologico202454587\/category\/buscar-en-toda-la-corte\/2008\/tutelas-2008\/' title='Tutelas 2008' class='pt-cv-tax-tutelas-2008'>Tutelas 2008<\/a><\/div>\n<h4 class=\"pt-cv-title\"><a href=\"https:\/\/www.dmsjuridica.com\/buscador_20179478954\/corteconstitucionalcronologico202454587\/t-154-08\/\" class=\"_self\" target=\"_self\" >T-154-08<\/a><\/h4>\n<div class=\"pt-cv-content\">\u00a0 \u00a0 Sentencia T-154\/08 \u00a0 DERECHO A LA SALUD-Suministro de tratamiento excluido del POS \u00a0 ACCION DE TUTELA Y PRINCIPIO DE INMEDIATEZ-Caso en que tutela se intent\u00f3 en plazo razonable y oportuno despu\u00e9s de haber sido prescrito el tratamiento m\u00e9dico \u00a0 A pesar de que el tratamiento de implante coclear fue prescrito por el m\u00e9dico tratante el diecinueve (19) de diciembre de 2006, negado por la EPS SALUD COLPATRIA el d\u00eda cinco (5) de enero de 2007, y el amparo fue interpuesto el trece (13) de julio de 2007, esto es, seis (6) meses despu\u00e9s, a juicio de esta sala ...<br \/><div class=\"pt-cv-rmwrap\"><a href=\"https:\/\/www.dmsjuridica.com\/buscador_20179478954\/corteconstitucionalcronologico202454587\/t-154-08\/\" class=\"_self pt-cv-readmore btn btn-success\" target=\"_self\">Ver Sentencia Completa...<\/a><\/div><\/div><\/div><\/div>\n<div class=\"col-md-12 col-sm-12 col-xs-12 pt-cv-content-item pt-cv-1-col\" ><div class='pt-cv-ifield'><a href=\"https:\/\/www.dmsjuridica.com\/buscador_20179478954\/corteconstitucionalcronologico202454587\/t-153-08\/\" class=\"_self pt-cv-href-thumbnail pt-cv-thumb-default\" target=\"_self\" ><\/a>\n<div class=\"pt-cv-taxoterm above_title\"><a href='https:\/\/www.dmsjuridica.com\/buscador_20179478954\/corteconstitucionalcronologico202454587\/category\/buscar-en-toda-la-corte\/2008\/tutelas-2008\/' title='Tutelas 2008' class='pt-cv-tax-tutelas-2008'>Tutelas 2008<\/a><\/div>\n<h4 class=\"pt-cv-title\"><a href=\"https:\/\/www.dmsjuridica.com\/buscador_20179478954\/corteconstitucionalcronologico202454587\/t-153-08\/\" class=\"_self\" target=\"_self\" >T-153-08<\/a><\/h4>\n<div class=\"pt-cv-content\">\u00a0 \u00a0 Sentencia T-153\/08 \u00a0 LEY 1122\/07-Par\u00e1grafo transitorio del art\u00edculo 28 fue declarado inexequible por sentencia C-957\/07 \u00a0 JUEZ DE TUTELA Y PERJUICIO IRREMEDIABLE-Le corresponde al juez apreciar la existencia de \u00e9ste \u00a0 Es posible inferir que la jurisprudencia constitucional, si bien ha sostenido de manera reiterada que al juez del caso concreto corresponde apreciar la existencia de un perjuicio irremediable, en todo caso ha ligado de manera reiterada este concepto al ejercicio de la acci\u00f3n de tutela por ciertos sujetos de caracter\u00edsticas particulares \u2013los sujetos de especial protecci\u00f3n constitucional- o a la protecci\u00f3n de ciertos derechos tal como el ...<br \/><div class=\"pt-cv-rmwrap\"><a href=\"https:\/\/www.dmsjuridica.com\/buscador_20179478954\/corteconstitucionalcronologico202454587\/t-153-08\/\" class=\"_self pt-cv-readmore btn btn-success\" target=\"_self\">Ver Sentencia Completa...<\/a><\/div><\/div><\/div><\/div>\n<div class=\"col-md-12 col-sm-12 col-xs-12 pt-cv-content-item pt-cv-1-col\" ><div class='pt-cv-ifield'><a href=\"https:\/\/www.dmsjuridica.com\/buscador_20179478954\/corteconstitucionalcronologico202454587\/t-152-08\/\" class=\"_self pt-cv-href-thumbnail pt-cv-thumb-default\" target=\"_self\" ><\/a>\n<div class=\"pt-cv-taxoterm above_title\"><a href='https:\/\/www.dmsjuridica.com\/buscador_20179478954\/corteconstitucionalcronologico202454587\/category\/buscar-en-toda-la-corte\/2008\/tutelas-2008\/' title='Tutelas 2008' class='pt-cv-tax-tutelas-2008'>Tutelas 2008<\/a><\/div>\n<h4 class=\"pt-cv-title\"><a href=\"https:\/\/www.dmsjuridica.com\/buscador_20179478954\/corteconstitucionalcronologico202454587\/t-152-08\/\" class=\"_self\" target=\"_self\" >T-152-08<\/a><\/h4>\n<div class=\"pt-cv-content\">\u00a0 \u00a0 Sentencia T-152\/08 \u00a0 SANEAMIENTO DE BIENES INMUEBLES DEL ICBF-Procedimiento fijado en resoluci\u00f3n No.0935 de 2005 \u00a0 DERECHO A LA VIVIENDA DIGNA-Naturaleza jur\u00eddica, alcance y contenido \u00a0 En la sentencia T-958 de 2001, reiterada en la sentencia T-676 de 2005, se argument\u00f3 que la dificultad para definir la naturaleza jur\u00eddica de \u00e9ste derecho radica en que su configuraci\u00f3n positiva es compleja, ya que de la disposici\u00f3n constitucional que lo consagra se desprenden distintas normas con diversos contenidos. Al respecto, se se\u00f1al\u00f3 que en efecto, el primer inciso del art\u00edculo 51 reconoce el derecho a la vivienda digna a todos ...<br \/><div class=\"pt-cv-rmwrap\"><a href=\"https:\/\/www.dmsjuridica.com\/buscador_20179478954\/corteconstitucionalcronologico202454587\/t-152-08\/\" class=\"_self pt-cv-readmore btn btn-success\" target=\"_self\">Ver Sentencia Completa...<\/a><\/div><\/div><\/div><\/div>\n<div class=\"col-md-12 col-sm-12 col-xs-12 pt-cv-content-item pt-cv-1-col\" ><div class='pt-cv-ifield'><a href=\"https:\/\/www.dmsjuridica.com\/buscador_20179478954\/corteconstitucionalcronologico202454587\/t-151-08\/\" class=\"_self pt-cv-href-thumbnail pt-cv-thumb-default\" target=\"_self\" ><\/a>\n<div class=\"pt-cv-taxoterm above_title\"><a href='https:\/\/www.dmsjuridica.com\/buscador_20179478954\/corteconstitucionalcronologico202454587\/category\/buscar-en-toda-la-corte\/2008\/tutelas-2008\/' title='Tutelas 2008' class='pt-cv-tax-tutelas-2008'>Tutelas 2008<\/a><\/div>\n<h4 class=\"pt-cv-title\"><a href=\"https:\/\/www.dmsjuridica.com\/buscador_20179478954\/corteconstitucionalcronologico202454587\/t-151-08\/\" class=\"_self\" target=\"_self\" >T-151-08<\/a><\/h4>\n<div class=\"pt-cv-content\">\u00a0 \u00a0 Sentencia T-151\/08 \u00a0 DERECHO A LA SALUD DEL MENOR-Pr\u00e1ctica de examen m\u00e9dico, as\u00ed no haya sido ordenado por M\u00e9dico adscrito al ISS\/DERECHO AL DIAGNOSTICO EN ENFERMEDAD DE MENOR DE EDAD-Caso en que se cumple el requisito de que el examen ordenado por el M\u00e9dico externo contribuya al diagn\u00f3stico de la afecci\u00f3n que ven\u00eda siendo tratada\u00a0 \u00a0 En el presente caso se ha constatado que el examen diagn\u00f3stico prescrito por el especialista en nefrolog\u00eda pedi\u00e1trica al menor, es requerido para determinar el origen de su afecci\u00f3n y proporcionar el tratamiento adecuado para \u00e9sta, pues los medicamentos y ex\u00e1menes realizados ...<br \/><div class=\"pt-cv-rmwrap\"><a href=\"https:\/\/www.dmsjuridica.com\/buscador_20179478954\/corteconstitucionalcronologico202454587\/t-151-08\/\" class=\"_self pt-cv-readmore btn btn-success\" target=\"_self\">Ver Sentencia Completa...<\/a><\/div><\/div><\/div><\/div>\n<div class=\"col-md-12 col-sm-12 col-xs-12 pt-cv-content-item pt-cv-1-col\" ><div class='pt-cv-ifield'><a href=\"https:\/\/www.dmsjuridica.com\/buscador_20179478954\/corteconstitucionalcronologico202454587\/t-150-08\/\" class=\"_self pt-cv-href-thumbnail pt-cv-thumb-default\" target=\"_self\" ><\/a>\n<div class=\"pt-cv-taxoterm above_title\"><a href='https:\/\/www.dmsjuridica.com\/buscador_20179478954\/corteconstitucionalcronologico202454587\/category\/buscar-en-toda-la-corte\/2008\/tutelas-2008\/' title='Tutelas 2008' class='pt-cv-tax-tutelas-2008'>Tutelas 2008<\/a><\/div>\n<h4 class=\"pt-cv-title\"><a href=\"https:\/\/www.dmsjuridica.com\/buscador_20179478954\/corteconstitucionalcronologico202454587\/t-150-08\/\" class=\"_self\" target=\"_self\" >T-150-08<\/a><\/h4>\n<div class=\"pt-cv-content\">\u00a0 \u00a0 Sentencia T-150\/08 \u00a0 DERECHO A LA SALUD-Pr\u00e1ctica de examen que no est\u00e1 contemplado en el POS\/DERECHO A LA SALUD-Caso en que no se cumple el requisito de incapacidad econ\u00f3mica para costearlo \u00a0 No es claro que la accionante carezca de recursos econ\u00f3micos para costear directamente el examen ordenado por el m\u00e9dico tratante; en primer lugar, esta imposibilidad no es siquiera afirmada por la solicitante en el escrito de tutela y, en segundo lugar, en la declaraci\u00f3n juramentada de la tutelante rendida el veinticuatro (24) de agosto de dos mil siete (2007), frente a la pregunta sobre las consecuencias ...<br \/><div class=\"pt-cv-rmwrap\"><a href=\"https:\/\/www.dmsjuridica.com\/buscador_20179478954\/corteconstitucionalcronologico202454587\/t-150-08\/\" class=\"_self pt-cv-readmore btn btn-success\" target=\"_self\">Ver Sentencia Completa...<\/a><\/div><\/div><\/div><\/div>\n<div class=\"col-md-12 col-sm-12 col-xs-12 pt-cv-content-item pt-cv-1-col\" ><div class='pt-cv-ifield'><a href=\"https:\/\/www.dmsjuridica.com\/buscador_20179478954\/corteconstitucionalcronologico202454587\/t-149-08\/\" class=\"_self pt-cv-href-thumbnail pt-cv-thumb-default\" target=\"_self\" ><\/a>\n<div class=\"pt-cv-taxoterm above_title\"><a href='https:\/\/www.dmsjuridica.com\/buscador_20179478954\/corteconstitucionalcronologico202454587\/category\/buscar-en-toda-la-corte\/2008\/tutelas-2008\/' title='Tutelas 2008' class='pt-cv-tax-tutelas-2008'>Tutelas 2008<\/a><\/div>\n<h4 class=\"pt-cv-title\"><a href=\"https:\/\/www.dmsjuridica.com\/buscador_20179478954\/corteconstitucionalcronologico202454587\/t-149-08\/\" class=\"_self\" target=\"_self\" >T-149-08<\/a><\/h4>\n<div class=\"pt-cv-content\">\u00a0 \u00a0 Sentencia T-149\/08 \u00a0 LIBERTAD DE ASOCIACION SINDICAL \u00a0 DERECHO A LA IGUALDAD DE TRABAJADORES SINDICALIZADOS \u00a0 LIBERTAD DE ASOCIACION SINDICAL Y DERECHO A LA IGUALDAD-Vulneraci\u00f3n por no realizarse incremento salarial \u00a0 ACCION DE TUTELA-Incremento salarial de trabajadores sindicalizados de empresa\u00a0 \u00a0 DERECHO DE ASOCIACION SINDICAL-Vulneraci\u00f3n por creaci\u00f3n directa e indirecta de est\u00edmulos para que los trabajadores sindicalizados se retiren del sindicato\/DERECHO A LA ASOCIACION SINDICAL-Vulneraci\u00f3n por estimular deserci\u00f3n \u00a0 PRINCIPIO DE REMUNERACION MINIMA VITAL Y MOVIL-Mantenimiento del poder adquisitivo \u00a0 PACTO COLECTIVO-Solicitud de inaplicaci\u00f3n de una cl\u00e1usula deb\u00eda ser hecha por las personas que pueden ser afectadas \u00a0 ...<br \/><div class=\"pt-cv-rmwrap\"><a href=\"https:\/\/www.dmsjuridica.com\/buscador_20179478954\/corteconstitucionalcronologico202454587\/t-149-08\/\" class=\"_self pt-cv-readmore btn btn-success\" target=\"_self\">Ver Sentencia Completa...<\/a><\/div><\/div><\/div><\/div>\n<div class=\"col-md-12 col-sm-12 col-xs-12 pt-cv-content-item pt-cv-1-col\" ><div class='pt-cv-ifield'><a href=\"https:\/\/www.dmsjuridica.com\/buscador_20179478954\/corteconstitucionalcronologico202454587\/t-148-08\/\" class=\"_self pt-cv-href-thumbnail pt-cv-thumb-default\" target=\"_self\" ><\/a>\n<div class=\"pt-cv-taxoterm above_title\"><a href='https:\/\/www.dmsjuridica.com\/buscador_20179478954\/corteconstitucionalcronologico202454587\/category\/buscar-en-toda-la-corte\/2008\/tutelas-2008\/' title='Tutelas 2008' class='pt-cv-tax-tutelas-2008'>Tutelas 2008<\/a><\/div>\n<h4 class=\"pt-cv-title\"><a href=\"https:\/\/www.dmsjuridica.com\/buscador_20179478954\/corteconstitucionalcronologico202454587\/t-148-08\/\" class=\"_self\" target=\"_self\" >T-148-08<\/a><\/h4>\n<div class=\"pt-cv-content\">\u00a0 \u00a0 Sentencia T-148\/08 \u00a0 DERECHO A LA SALUD DE EXSOLDADO-Suministro de pr\u00f3tesis por accidente sufrido con mina antipersonal\/OBLIGACIONES DEL ESTADO FRENTE A SOLDADOS-Protecci\u00f3n especial debido a la amenaza cierta que esa actividad impone sobre su vida, integridad y salud \u00a0 El precedente expuesto permite establecer que la garant\u00eda de la atenci\u00f3n m\u00e9dica a quienes se vean afectados en su salud e integridad f\u00edsica, por hechos que ocurran durante la prestaci\u00f3n del servicio militar, tiene sustento en las obligaciones correlativas del Estado respecto de las personas quienes en cumplimiento de un deber constitucional le prestan sus servicios, y por ello ...<br \/><div class=\"pt-cv-rmwrap\"><a href=\"https:\/\/www.dmsjuridica.com\/buscador_20179478954\/corteconstitucionalcronologico202454587\/t-148-08\/\" class=\"_self pt-cv-readmore btn btn-success\" target=\"_self\">Ver Sentencia Completa...<\/a><\/div><\/div><\/div><\/div>\n<div class=\"col-md-12 col-sm-12 col-xs-12 pt-cv-content-item pt-cv-1-col\" ><div class='pt-cv-ifield'><a href=\"https:\/\/www.dmsjuridica.com\/buscador_20179478954\/corteconstitucionalcronologico202454587\/t-147-08\/\" class=\"_self pt-cv-href-thumbnail pt-cv-thumb-default\" target=\"_self\" ><\/a>\n<div class=\"pt-cv-taxoterm above_title\"><a href='https:\/\/www.dmsjuridica.com\/buscador_20179478954\/corteconstitucionalcronologico202454587\/category\/buscar-en-toda-la-corte\/2008\/tutelas-2008\/' title='Tutelas 2008' class='pt-cv-tax-tutelas-2008'>Tutelas 2008<\/a><\/div>\n<h4 class=\"pt-cv-title\"><a href=\"https:\/\/www.dmsjuridica.com\/buscador_20179478954\/corteconstitucionalcronologico202454587\/t-147-08\/\" class=\"_self\" target=\"_self\" >T-147-08<\/a><\/h4>\n<div class=\"pt-cv-content\">\u00a0 \u00a0 Sentencia T-147\/08 \u00a0 CONVENIO DE USO DE PRODUCTOS DE CONSUMO CON BANCAFE-D\u00e9bito autom\u00e1tico de la cuenta del demandante de cuotas atrasadas de tarjeta y de cr\u00e9dito\/MEDIO DE DEFENSA JUDICIAL-Existencia en caso de d\u00e9bito autom\u00e1tico de la cuenta del demandante de cuotas atrasadas de tarjeta y de cr\u00e9dito\/PERJUICIO IREMEDIABLE-No se configura en caso de d\u00e9bito autom\u00e1tico de la cuenta del demandante de cuotas atrasadas de tarjeta y de cr\u00e9dito \u00a0 La existencia de recursos judiciales ordinarios, no excluye de suyo la posibilidad de proteger mediante la acci\u00f3n de tutela los derechos vulnerados de una persona. Se requiere adem\u00e1s que ...<br \/><div class=\"pt-cv-rmwrap\"><a href=\"https:\/\/www.dmsjuridica.com\/buscador_20179478954\/corteconstitucionalcronologico202454587\/t-147-08\/\" class=\"_self pt-cv-readmore btn btn-success\" target=\"_self\">Ver Sentencia Completa...<\/a><\/div><\/div><\/div><\/div>\n<div class=\"col-md-12 col-sm-12 col-xs-12 pt-cv-content-item pt-cv-1-col\" ><div class='pt-cv-ifield'><a href=\"https:\/\/www.dmsjuridica.com\/buscador_20179478954\/corteconstitucionalcronologico202454587\/t-146-08\/\" class=\"_self pt-cv-href-thumbnail pt-cv-thumb-default\" target=\"_self\" ><\/a>\n<div class=\"pt-cv-taxoterm above_title\"><a href='https:\/\/www.dmsjuridica.com\/buscador_20179478954\/corteconstitucionalcronologico202454587\/category\/buscar-en-toda-la-corte\/2008\/tutelas-2008\/' title='Tutelas 2008' class='pt-cv-tax-tutelas-2008'>Tutelas 2008<\/a><\/div>\n<h4 class=\"pt-cv-title\"><a href=\"https:\/\/www.dmsjuridica.com\/buscador_20179478954\/corteconstitucionalcronologico202454587\/t-146-08\/\" class=\"_self\" target=\"_self\" >T-146-08<\/a><\/h4>\n<div class=\"pt-cv-content\">\u00a0 \u00a0 Sentencia T-146\/08 \u00a0 ACTO ADMINISTRATIVO QUE RECONOCIO SUSTITUCION PENSIONAL Y OBLIGACION DE HACER-Competencia de los jueces de tutela en la ejecuci\u00f3n de este tipo de obligaci\u00f3n\u00a0 \u00a0 La acci\u00f3n que se revisa es procedente, porque el actor requiere de actuaciones de parte de la administraci\u00f3n y no cuenta con un procedimiento diferente a la acci\u00f3n de amparo para que el Secretario de Educaci\u00f3n del Choc\u00f3 y la Fiduciara La Previsora S.A. act\u00faen en consecuencia con el derecho que le fue reconocido mediante Resoluci\u00f3n No. 00294 de 2006, sin perjuicio del deber de las mismas de promover la actuaci\u00f3n ...<br \/><div class=\"pt-cv-rmwrap\"><a href=\"https:\/\/www.dmsjuridica.com\/buscador_20179478954\/corteconstitucionalcronologico202454587\/t-146-08\/\" class=\"_self pt-cv-readmore btn btn-success\" target=\"_self\">Ver Sentencia Completa...<\/a><\/div><\/div><\/div><\/div>\n<div class=\"col-md-12 col-sm-12 col-xs-12 pt-cv-content-item pt-cv-1-col\" ><div class='pt-cv-ifield'><a href=\"https:\/\/www.dmsjuridica.com\/buscador_20179478954\/corteconstitucionalcronologico202454587\/t-145-08\/\" class=\"_self pt-cv-href-thumbnail pt-cv-thumb-default\" target=\"_self\" ><\/a>\n<div class=\"pt-cv-taxoterm above_title\"><a href='https:\/\/www.dmsjuridica.com\/buscador_20179478954\/corteconstitucionalcronologico202454587\/category\/buscar-en-toda-la-corte\/2008\/tutelas-2008\/' title='Tutelas 2008' class='pt-cv-tax-tutelas-2008'>Tutelas 2008<\/a><\/div>\n<h4 class=\"pt-cv-title\"><a href=\"https:\/\/www.dmsjuridica.com\/buscador_20179478954\/corteconstitucionalcronologico202454587\/t-145-08\/\" class=\"_self\" target=\"_self\" >T-145-08<\/a><\/h4>\n<div class=\"pt-cv-content\">\u00a0 \u00a0 Sentencia T-145\/08 \u00a0 PENSION DE INVALIDEZ-Requisitos para obtener reconocimiento y pago\/ PENSION DE INVALIDEZ POR RIESGO COMUN \u00a0 ACCION DE TUTELA-Procedencia por cuanto se cumplen los requisitos para el reconocimiento y pago de la pensi\u00f3n de invalidez \u00a0 La persona a quien se niega la pensi\u00f3n de invalidez teniendo derecho a ella, puede acudir en su oportunidad a la acci\u00f3n de tutela para impetrar su reconocimiento por parte de la entidad competente, si adem\u00e1s se halla ante un perjuicio irremediable que en su caso particular hace gravoso el acceso a los medios ordinarios de defensa judicial, situaci\u00f3n que ...<br \/><div class=\"pt-cv-rmwrap\"><a href=\"https:\/\/www.dmsjuridica.com\/buscador_20179478954\/corteconstitucionalcronologico202454587\/t-145-08\/\" class=\"_self pt-cv-readmore btn btn-success\" target=\"_self\">Ver Sentencia Completa...<\/a><\/div><\/div><\/div><\/div>\n<div class=\"col-md-12 col-sm-12 col-xs-12 pt-cv-content-item pt-cv-1-col\" ><div class='pt-cv-ifield'><a href=\"https:\/\/www.dmsjuridica.com\/buscador_20179478954\/corteconstitucionalcronologico202454587\/t-144-08\/\" class=\"_self pt-cv-href-thumbnail pt-cv-thumb-default\" target=\"_self\" ><\/a>\n<div class=\"pt-cv-taxoterm above_title\"><a href='https:\/\/www.dmsjuridica.com\/buscador_20179478954\/corteconstitucionalcronologico202454587\/category\/buscar-en-toda-la-corte\/2008\/tutelas-2008\/' title='Tutelas 2008' class='pt-cv-tax-tutelas-2008'>Tutelas 2008<\/a><\/div>\n<h4 class=\"pt-cv-title\"><a href=\"https:\/\/www.dmsjuridica.com\/buscador_20179478954\/corteconstitucionalcronologico202454587\/t-144-08\/\" class=\"_self\" target=\"_self\" >T-144-08<\/a><\/h4>\n<div class=\"pt-cv-content\">\u00a0 \u00a0 Sentencia T-144\/08 \u00a0 REGLAS JURISPRUDENCIALES SOBRE PROCEDENCIA DE ACCION DE TUTELA PARA OBTENER PRESTACIONES EXCLUIDAS DEL POS-Reiteraci\u00f3n de jurisprudencia \u00a0 DERECHO A LA SALUD-Suministro de medicamentos por padecer Lupus Eritematoso \u00a0 JUEZ DE TUTELA-Incumplimiento del t\u00e9rmino para enviar el expediente a revisi\u00f3n de la Corte Constitucional \u00a0 \u00a0 Referencia: expediente T-1.722.774 \u00a0 Acci\u00f3n de tutela interpuesta por Marianne Andrea Qui\u00f1ones Osorio contra COMPENSAR EPS.\u00a0 \u00a0 Magistrada Ponente: \u00a0 Dra. CLARA IN\u00c9S VARGAS HERN\u00c1NDEZ \u00a0 Bogot\u00e1 D.C., quince (15) de febrero de dos mil ocho (2008). \u00a0 La Sala Novena de Revisi\u00f3n de la Corte Constitucional, integrada por los ...<br \/><div class=\"pt-cv-rmwrap\"><a href=\"https:\/\/www.dmsjuridica.com\/buscador_20179478954\/corteconstitucionalcronologico202454587\/t-144-08\/\" class=\"_self pt-cv-readmore btn btn-success\" target=\"_self\">Ver Sentencia Completa...<\/a><\/div><\/div><\/div><\/div>\n<div class=\"col-md-12 col-sm-12 col-xs-12 pt-cv-content-item pt-cv-1-col\" ><div class='pt-cv-ifield'><a href=\"https:\/\/www.dmsjuridica.com\/buscador_20179478954\/corteconstitucionalcronologico202454587\/t-143-08\/\" class=\"_self pt-cv-href-thumbnail pt-cv-thumb-default\" target=\"_self\" ><\/a>\n<div class=\"pt-cv-taxoterm above_title\"><a href='https:\/\/www.dmsjuridica.com\/buscador_20179478954\/corteconstitucionalcronologico202454587\/category\/buscar-en-toda-la-corte\/2008\/tutelas-2008\/' title='Tutelas 2008' class='pt-cv-tax-tutelas-2008'>Tutelas 2008<\/a><\/div>\n<h4 class=\"pt-cv-title\"><a href=\"https:\/\/www.dmsjuridica.com\/buscador_20179478954\/corteconstitucionalcronologico202454587\/t-143-08\/\" class=\"_self\" target=\"_self\" >T-143-08<\/a><\/h4>\n<div class=\"pt-cv-content\">\u00a0 \u00a0 Sentencia T-143\/08 \u00a0 ACCION DE TUTELA CONTRA CAJANAL POR PENSION DE EMPLEADOS DE LA RAMA JUDICIAL \u00a0 ACCION DE TUTELA-Procedencia excepcional para reconocimiento de pensiones \u00a0 Respecto a la procedencia de la acci\u00f3n de tutela para el reconocimiento de acreencias laborales, particularmente cuando estas corresponden a pensiones, el juez constitucional, de manera previa deber\u00e1 verificar que en el caso concreto concurran ciertos requisitos a saber: (i) que se trate de sujetos de especial protecci\u00f3n constitucional como las personas de la tercera edad o en circunstancias de debilidad manifiesta o en condiciones de vulnerabilidad; (ii) que no existan mecanismos ...<br \/><div class=\"pt-cv-rmwrap\"><a href=\"https:\/\/www.dmsjuridica.com\/buscador_20179478954\/corteconstitucionalcronologico202454587\/t-143-08\/\" class=\"_self pt-cv-readmore btn btn-success\" target=\"_self\">Ver Sentencia Completa...<\/a><\/div><\/div><\/div><\/div>\n<div class=\"col-md-12 col-sm-12 col-xs-12 pt-cv-content-item pt-cv-1-col\" ><div class='pt-cv-ifield'><a href=\"https:\/\/www.dmsjuridica.com\/buscador_20179478954\/corteconstitucionalcronologico202454587\/t-142-08\/\" class=\"_self pt-cv-href-thumbnail pt-cv-thumb-default\" target=\"_self\" ><\/a>\n<div class=\"pt-cv-taxoterm above_title\"><a href='https:\/\/www.dmsjuridica.com\/buscador_20179478954\/corteconstitucionalcronologico202454587\/category\/buscar-en-toda-la-corte\/2008\/tutelas-2008\/' title='Tutelas 2008' class='pt-cv-tax-tutelas-2008'>Tutelas 2008<\/a><\/div>\n<h4 class=\"pt-cv-title\"><a href=\"https:\/\/www.dmsjuridica.com\/buscador_20179478954\/corteconstitucionalcronologico202454587\/t-142-08\/\" class=\"_self\" target=\"_self\" >T-142-08<\/a><\/h4>\n<div class=\"pt-cv-content\">\u00a0 \u00a0 Sentencia T-142\/08 \u00a0 DICTAMEN SOBRE PERDIDA DE CAPACIDAD LABORAL Y ORIGEN DE ENFERMEDAD-No adquiri\u00f3 firmeza legal \u00a0 Es claro para la Sala que el BBVA Horizonte Pensiones y Cesant\u00edas, vulner\u00f3 los derechos fundamentales al debido proceso y a la seguridad social del actor, en tanto que en su calidad de entidad administradora de pensiones encargada de resolver la solicitud de pensi\u00f3n, no pod\u00eda exonerarse de acudir a la Junta de Calificaci\u00f3n de Invalidez del orden regional una vez la ARP Liberty plante\u00f3 la controversia sobre el dictamen proferido en primera oportunidad por su compa\u00f1\u00eda previsional. Los argumentos expuestos ...<br \/><div class=\"pt-cv-rmwrap\"><a href=\"https:\/\/www.dmsjuridica.com\/buscador_20179478954\/corteconstitucionalcronologico202454587\/t-142-08\/\" class=\"_self pt-cv-readmore btn btn-success\" target=\"_self\">Ver Sentencia Completa...<\/a><\/div><\/div><\/div><\/div>\n<div class=\"col-md-12 col-sm-12 col-xs-12 pt-cv-content-item pt-cv-1-col\" ><div class='pt-cv-ifield'><a href=\"https:\/\/www.dmsjuridica.com\/buscador_20179478954\/corteconstitucionalcronologico202454587\/t-141-08\/\" class=\"_self pt-cv-href-thumbnail pt-cv-thumb-default\" target=\"_self\" ><\/a>\n<div class=\"pt-cv-taxoterm above_title\"><a href='https:\/\/www.dmsjuridica.com\/buscador_20179478954\/corteconstitucionalcronologico202454587\/category\/buscar-en-toda-la-corte\/2008\/tutelas-2008\/' title='Tutelas 2008' class='pt-cv-tax-tutelas-2008'>Tutelas 2008<\/a><\/div>\n<h4 class=\"pt-cv-title\"><a href=\"https:\/\/www.dmsjuridica.com\/buscador_20179478954\/corteconstitucionalcronologico202454587\/t-141-08\/\" class=\"_self\" target=\"_self\" >T-141-08<\/a><\/h4>\n<div class=\"pt-cv-content\">\u00a0 \u00a0 Sentencia T-141\/08 \u00a0 EMPLEADA SUPERNUMERARIA EN LA ADMINISTRACION PUBLICA\/ESTABILIDAD LABORAL REFORZADA DE EMPLEADA SUPERNUMERARIA EMBARAZADA \u00a0 EMPLEADO-Vinculaci\u00f3n excepcional con la Administraci\u00f3n P\u00fablica\/DESPIDO DE MUJER EMBARAZADA VINCULADA COMO SUPERNUMERARIA \u00a0 PRIMACIA DE LA REALIDAD SOBRE LAS FORMALIDADES Y ESTABILIDAD LABORAL DE EMPLEADA SUPERNUMERARIA EN EMBARAZO \u00a0 Resulta evidente para la Sala que el Hospital demandado ven\u00eda vinculando a la demandante por per\u00edodos fijos y sucesivos, m\u00e1xime cuando la accionante se desempe\u00f1aba en el cargo de Auxiliar en el \u00c1rea de Salud, lo que permite inferir sin mayores elucubraciones, que dicho cargo corresponde al rol ordinario de un Hospital; y ...<br \/><div class=\"pt-cv-rmwrap\"><a href=\"https:\/\/www.dmsjuridica.com\/buscador_20179478954\/corteconstitucionalcronologico202454587\/t-141-08\/\" class=\"_self pt-cv-readmore btn btn-success\" target=\"_self\">Ver Sentencia Completa...<\/a><\/div><\/div><\/div><\/div>\n<div class=\"col-md-12 col-sm-12 col-xs-12 pt-cv-content-item pt-cv-1-col\" ><div class='pt-cv-ifield'><a href=\"https:\/\/www.dmsjuridica.com\/buscador_20179478954\/corteconstitucionalcronologico202454587\/t-140-08\/\" class=\"_self pt-cv-href-thumbnail pt-cv-thumb-default\" target=\"_self\" ><\/a>\n<div class=\"pt-cv-taxoterm above_title\"><a href='https:\/\/www.dmsjuridica.com\/buscador_20179478954\/corteconstitucionalcronologico202454587\/category\/buscar-en-toda-la-corte\/2008\/tutelas-2008\/' title='Tutelas 2008' class='pt-cv-tax-tutelas-2008'>Tutelas 2008<\/a><\/div>\n<h4 class=\"pt-cv-title\"><a href=\"https:\/\/www.dmsjuridica.com\/buscador_20179478954\/corteconstitucionalcronologico202454587\/t-140-08\/\" class=\"_self\" target=\"_self\" >T-140-08<\/a><\/h4>\n<div class=\"pt-cv-content\">\u00a0 \u00a0 Sentencia T-140\/08 \u00a0 MIEMBROS DE LA FUERZA PUBLICA-Condiciones para el amparo constitucional a quienes han sido retirados del servicio por lesiones o afecciones adquiridas durante o con ocasi\u00f3n del mismo \u00a0 DERECHO A LA SALUD DEL SOLDADO RETIRADO-Protecci\u00f3n por autoridades militares \u00a0 DERECHO A LA SALUD DEL SOLDADO RETIRADO-Orden a Sanidad Militar para determinar nuevamente disminuci\u00f3n de capacidad laboral. \u00a0 Gozan de amparo constitucional, aquellas patolog\u00edas de desarrollo incierto y progresivo o recurrente, de car\u00e1cter eventual, en cuanto que pueden ocurrir o no y no pueden anticiparse con certeza, que no fueron valoradas al momento de clasificar las ...<br \/><div class=\"pt-cv-rmwrap\"><a href=\"https:\/\/www.dmsjuridica.com\/buscador_20179478954\/corteconstitucionalcronologico202454587\/t-140-08\/\" class=\"_self pt-cv-readmore btn btn-success\" target=\"_self\">Ver Sentencia Completa...<\/a><\/div><\/div><\/div><\/div>\n<div class=\"col-md-12 col-sm-12 col-xs-12 pt-cv-content-item pt-cv-1-col\" ><div class='pt-cv-ifield'><a href=\"https:\/\/www.dmsjuridica.com\/buscador_20179478954\/corteconstitucionalcronologico202454587\/t-139-08\/\" class=\"_self pt-cv-href-thumbnail pt-cv-thumb-default\" target=\"_self\" ><\/a>\n<div class=\"pt-cv-taxoterm above_title\"><a href='https:\/\/www.dmsjuridica.com\/buscador_20179478954\/corteconstitucionalcronologico202454587\/category\/buscar-en-toda-la-corte\/2008\/tutelas-2008\/' title='Tutelas 2008' class='pt-cv-tax-tutelas-2008'>Tutelas 2008<\/a><\/div>\n<h4 class=\"pt-cv-title\"><a href=\"https:\/\/www.dmsjuridica.com\/buscador_20179478954\/corteconstitucionalcronologico202454587\/t-139-08\/\" class=\"_self\" target=\"_self\" >T-139-08<\/a><\/h4>\n<div class=\"pt-cv-content\">\u00a0 \u00a0 Sentencia T-139\/08 \u00a0 DERECHO A LA SALUD DE PERSONA DE LA TERCERA EDAD-Suministro de medicamentos excluidos del POS \u00a0 REGLAS JURISPRUDENCIALES SOBRE PROCEDENCIA DE ACCION DE TUTELA PARA OBTENER PRESTACIONES EXCLUIDAS DEL POS \u00a0 COMITE TECNICO CIENTIFICO-No es una instancia m\u00e1s entre los usuarios y las EPS\/COMITE TECNICO CIENTIFICO-Su concepto no es requisito indispensable para la entrega de medicamentos excluidos del POS \u00a0 PRINCIPIO DE INTEGRALIDAD EN ATENCION MEDICA-Se debe garantizar el acceso al resto de servicios m\u00e9dicos que sean necesarios para concluir el tratamiento m\u00e9dico \u00a0 No sobra recordar que la jurisprudencia constitucional ha desarrollado el principio ...<br \/><div class=\"pt-cv-rmwrap\"><a href=\"https:\/\/www.dmsjuridica.com\/buscador_20179478954\/corteconstitucionalcronologico202454587\/t-139-08\/\" class=\"_self pt-cv-readmore btn btn-success\" target=\"_self\">Ver Sentencia Completa...<\/a><\/div><\/div><\/div><\/div>\n<div class=\"col-md-12 col-sm-12 col-xs-12 pt-cv-content-item pt-cv-1-col\" ><div class='pt-cv-ifield'><a href=\"https:\/\/www.dmsjuridica.com\/buscador_20179478954\/corteconstitucionalcronologico202454587\/t-138-08\/\" class=\"_self pt-cv-href-thumbnail pt-cv-thumb-default\" target=\"_self\" ><\/a>\n<div class=\"pt-cv-taxoterm above_title\"><a href='https:\/\/www.dmsjuridica.com\/buscador_20179478954\/corteconstitucionalcronologico202454587\/category\/buscar-en-toda-la-corte\/2008\/tutelas-2008\/' title='Tutelas 2008' class='pt-cv-tax-tutelas-2008'>Tutelas 2008<\/a><\/div>\n<h4 class=\"pt-cv-title\"><a href=\"https:\/\/www.dmsjuridica.com\/buscador_20179478954\/corteconstitucionalcronologico202454587\/t-138-08\/\" class=\"_self\" target=\"_self\" >T-138-08<\/a><\/h4>\n<div class=\"pt-cv-content\">\u00a0 \u00a0 Sentencia T-138\/08 \u00a0 DERECHO A LA SALUD DE HERMANAS QUE PADECEN HIPERTIROIDISMO-Reiteraci\u00f3n de jurisprudencia sobre medicamentos, servicios m\u00e9dicos o tratamientos excluidos del POSS \u00a0 Referencia: expediente T-1733686 \u00a0 Acci\u00f3n de tutela instaurada por Levis Margoth y Silvana Isabel Jaramillo Y\u00e9pez en contra de EMDISALUD ESS. \u00a0 Magistrado Ponente:\u00a0 \u00a0 JAIME C\u00d3RDOBA TRIVI\u00d1O \u00a0 Bogot\u00e1, D. C., quince (15) de febrero de dos mil ocho (2008). \u00a0 La Sala Tercera de Revisi\u00f3n de la Corte Constitucional, integrada por los magistrados Jaime C\u00f3rdoba Trivi\u00f1o, Rodrigo Escobar Gil y Mauricio Gonz\u00e1lez Cuervo, en ejercicio de sus competencias constitucionales y legales, ha ...<br \/><div class=\"pt-cv-rmwrap\"><a href=\"https:\/\/www.dmsjuridica.com\/buscador_20179478954\/corteconstitucionalcronologico202454587\/t-138-08\/\" class=\"_self pt-cv-readmore btn btn-success\" target=\"_self\">Ver Sentencia Completa...<\/a><\/div><\/div><\/div><\/div>\n<div class=\"col-md-12 col-sm-12 col-xs-12 pt-cv-content-item pt-cv-1-col\" ><div class='pt-cv-ifield'><a href=\"https:\/\/www.dmsjuridica.com\/buscador_20179478954\/corteconstitucionalcronologico202454587\/t-137-08\/\" class=\"_self pt-cv-href-thumbnail pt-cv-thumb-default\" target=\"_self\" ><\/a>\n<div class=\"pt-cv-taxoterm above_title\"><a href='https:\/\/www.dmsjuridica.com\/buscador_20179478954\/corteconstitucionalcronologico202454587\/category\/buscar-en-toda-la-corte\/2008\/tutelas-2008\/' title='Tutelas 2008' class='pt-cv-tax-tutelas-2008'>Tutelas 2008<\/a><\/div>\n<h4 class=\"pt-cv-title\"><a href=\"https:\/\/www.dmsjuridica.com\/buscador_20179478954\/corteconstitucionalcronologico202454587\/t-137-08\/\" class=\"_self\" target=\"_self\" >T-137-08<\/a><\/h4>\n<div class=\"pt-cv-content\">\u00a0 \u00a0 Sentencia T-137\/08 \u00a0 JUEZ DE TUTELA-Protecci\u00f3n de derechos no invocados\/PRINCIPIO DE INFORMALIDAD-Caso en que la demandante no aparece registrada en la base de datos del SISBEN ni en la de la ARS y el Juez de Tutela debi\u00f3 estudiar el derecho al habeas data \u00a0 La falta de t\u00e9cnica jur\u00eddica en la solicitud no puede ser obst\u00e1culo para que el juez constitucional desentra\u00f1e el inter\u00e9s del peticionario y analice los hechos y las pruebas que surjan de la tramitaci\u00f3n de la acci\u00f3n. Por esta raz\u00f3n la Corte Constitucional tiene establecido que es deber del juez de tutela \u201cverificar ...<br \/><div class=\"pt-cv-rmwrap\"><a href=\"https:\/\/www.dmsjuridica.com\/buscador_20179478954\/corteconstitucionalcronologico202454587\/t-137-08\/\" class=\"_self pt-cv-readmore btn btn-success\" target=\"_self\">Ver Sentencia Completa...<\/a><\/div><\/div><\/div><\/div>\n<div class=\"col-md-12 col-sm-12 col-xs-12 pt-cv-content-item pt-cv-1-col\" ><div class='pt-cv-ifield'><a href=\"https:\/\/www.dmsjuridica.com\/buscador_20179478954\/corteconstitucionalcronologico202454587\/t-136-08\/\" class=\"_self pt-cv-href-thumbnail pt-cv-thumb-default\" target=\"_self\" ><\/a>\n<div class=\"pt-cv-taxoterm above_title\"><a href='https:\/\/www.dmsjuridica.com\/buscador_20179478954\/corteconstitucionalcronologico202454587\/category\/buscar-en-toda-la-corte\/2008\/tutelas-2008\/' title='Tutelas 2008' class='pt-cv-tax-tutelas-2008'>Tutelas 2008<\/a><\/div>\n<h4 class=\"pt-cv-title\"><a href=\"https:\/\/www.dmsjuridica.com\/buscador_20179478954\/corteconstitucionalcronologico202454587\/t-136-08\/\" class=\"_self\" target=\"_self\" >T-136-08<\/a><\/h4>\n<div class=\"pt-cv-content\">\u00a0 \u00a0 Sentencia T-136\/08 \u00a0 LICENCIA DE MATERNIDAD-Reiteraci\u00f3n de jurisprudencia sobre reconocimiento y pago \u00a0 LICENCIA DE MATERNIDAD-R\u00e9gimen e importancia de la licencia como protecci\u00f3n a la maternidad y a los ni\u00f1os\u00a0 \u00a0 ACCION DE TUTELA PARA EL PAGO DE LICENCIA DE MATERNIDAD-Requisitos de procedencia \u00a0 LICENCIA DE MATERNIDAD-T\u00e9rmino para reclamarla \u00a0 De acuerdo con el art\u00edculo 6 del Decreto 2591 de 1991 cuando se evidencia que la violaci\u00f3n del derecho origin\u00f3 un da\u00f1o consumado, como es el caso de las madres que interpusieron la acci\u00f3n de tutela transcurrido el per\u00edodo asignado para la licencia de maternidad, la jurisprudencia inicial ...<br \/><div class=\"pt-cv-rmwrap\"><a href=\"https:\/\/www.dmsjuridica.com\/buscador_20179478954\/corteconstitucionalcronologico202454587\/t-136-08\/\" class=\"_self pt-cv-readmore btn btn-success\" target=\"_self\">Ver Sentencia Completa...<\/a><\/div><\/div><\/div><\/div>\n<div class=\"col-md-12 col-sm-12 col-xs-12 pt-cv-content-item pt-cv-1-col\" ><div class='pt-cv-ifield'><a href=\"https:\/\/www.dmsjuridica.com\/buscador_20179478954\/corteconstitucionalcronologico202454587\/t-135-08\/\" class=\"_self pt-cv-href-thumbnail pt-cv-thumb-default\" target=\"_self\" ><\/a>\n<div class=\"pt-cv-taxoterm above_title\"><a href='https:\/\/www.dmsjuridica.com\/buscador_20179478954\/corteconstitucionalcronologico202454587\/category\/buscar-en-toda-la-corte\/2008\/tutelas-2008\/' title='Tutelas 2008' class='pt-cv-tax-tutelas-2008'>Tutelas 2008<\/a><\/div>\n<h4 class=\"pt-cv-title\"><a href=\"https:\/\/www.dmsjuridica.com\/buscador_20179478954\/corteconstitucionalcronologico202454587\/t-135-08\/\" class=\"_self\" target=\"_self\" >T-135-08<\/a><\/h4>\n<div class=\"pt-cv-content\">\u00a0 \u00a0 Sentencia T-135\/08 \u00a0 DERECHOS FUNDAMENTALES Y DERECHOS COLECTIVOS-Puntos de encuentro y distanciamiento \u00a0 Ha sido precisamente, a ra\u00edz de la revisi\u00f3n de providencias de tutela, que la Corte Constitucional ha llevado a cabo un an\u00e1lisis que ha permitido, en cada caso concreto, determinar en qu\u00e9 casos una vulneraci\u00f3n a los derechos colectivos puede trascender a la \u00f3rbita individual de los derechos fundamentales de una o unas determinadas personas. Esta Corporaci\u00f3n, a partir de la jurisprudencia de las distintas salas de revisi\u00f3n, se ha encargado de hacer la diferenciaci\u00f3n entre un derecho colectivo y uno individual a trav\u00e9s de ...<br \/><div class=\"pt-cv-rmwrap\"><a href=\"https:\/\/www.dmsjuridica.com\/buscador_20179478954\/corteconstitucionalcronologico202454587\/t-135-08\/\" class=\"_self pt-cv-readmore btn btn-success\" target=\"_self\">Ver Sentencia Completa...<\/a><\/div><\/div><\/div><\/div>\n<div class=\"col-md-12 col-sm-12 col-xs-12 pt-cv-content-item pt-cv-1-col\" ><div class='pt-cv-ifield'><a href=\"https:\/\/www.dmsjuridica.com\/buscador_20179478954\/corteconstitucionalcronologico202454587\/t-134-08\/\" class=\"_self pt-cv-href-thumbnail pt-cv-thumb-default\" target=\"_self\" ><\/a>\n<div class=\"pt-cv-taxoterm above_title\"><a href='https:\/\/www.dmsjuridica.com\/buscador_20179478954\/corteconstitucionalcronologico202454587\/category\/buscar-en-toda-la-corte\/2008\/tutelas-2008\/' title='Tutelas 2008' class='pt-cv-tax-tutelas-2008'>Tutelas 2008<\/a><\/div>\n<h4 class=\"pt-cv-title\"><a href=\"https:\/\/www.dmsjuridica.com\/buscador_20179478954\/corteconstitucionalcronologico202454587\/t-134-08\/\" class=\"_self\" target=\"_self\" >T-134-08<\/a><\/h4>\n<div class=\"pt-cv-content\">\u00a0 \u00a0 Sentencia T-134\/08 \u00a0 Referencia: T-1.689.543 \u00a0 Accionante: Doris Valencia Grajales en representaci\u00f3n de Maria Nidia Grajales de Valencia \u00a0 Procedencia: Juzgado Veintisiete Civil Municipal de Bogot\u00e1 \u00a0 Magistrado Ponente:\u00a0 \u00a0 Dr. MARCO GERARDO MONROY CABRA \u00a0 Bogot\u00e1 D.C., catorce (14) de febrero de dos mil ocho (2008). \u00a0 La Sala Sexta de la Corte Constitucional, integrada por los Magistrados doctores, Humberto Antonio Sierra Porto, Nilson Pinilla Pinilla y Marco Gerardo Monroy Cabra, quien la preside, en ejercicio de sus competencias constitucionales y legales ha pronunciado la siguiente\u00a0 \u00a0 \u00a0 SENTENCIA \u00a0 En el proceso de revisi\u00f3n de la ...<br \/><div class=\"pt-cv-rmwrap\"><a href=\"https:\/\/www.dmsjuridica.com\/buscador_20179478954\/corteconstitucionalcronologico202454587\/t-134-08\/\" class=\"_self pt-cv-readmore btn btn-success\" target=\"_self\">Ver Sentencia Completa...<\/a><\/div><\/div><\/div><\/div>\n<div class=\"col-md-12 col-sm-12 col-xs-12 pt-cv-content-item pt-cv-1-col\" ><div class='pt-cv-ifield'><a href=\"https:\/\/www.dmsjuridica.com\/buscador_20179478954\/corteconstitucionalcronologico202454587\/t-133-08\/\" class=\"_self pt-cv-href-thumbnail pt-cv-thumb-default\" target=\"_self\" ><\/a>\n<div class=\"pt-cv-taxoterm above_title\"><a href='https:\/\/www.dmsjuridica.com\/buscador_20179478954\/corteconstitucionalcronologico202454587\/category\/buscar-en-toda-la-corte\/2008\/tutelas-2008\/' title='Tutelas 2008' class='pt-cv-tax-tutelas-2008'>Tutelas 2008<\/a><\/div>\n<h4 class=\"pt-cv-title\"><a href=\"https:\/\/www.dmsjuridica.com\/buscador_20179478954\/corteconstitucionalcronologico202454587\/t-133-08\/\" class=\"_self\" target=\"_self\" >T-133-08<\/a><\/h4>\n<div class=\"pt-cv-content\">\u00a0 \u00a0 Sentencia T-133\/08 \u00a0 DERECHO A LA SALUD-Suministro de medicamento excluido del POS \u00a0 INCAPACIDAD ECONOMICA EN MATERIA DE SALUD-Reglas probatorias que se han establecido \u00a0 PRINCIPIO DE CONTINUIDAD EN LA PRESTACION DEL SERVICIO PUBLICO DE SALUD \u00a0 COMITE TECNICO CIENTIFICO Y AUTORIZACION DE MEDICAMENTOS NO INCLUIDOS EN EL POS \u00a0 Referencia: expediente T-1712097 \u00a0 Accionante: Alba Gloria V\u00e9lez de Arango \u00a0 Procedencia: Juzgado Promiscuo Municipal de Frontino-Antioquia \u00a0 Magistrado Ponente: \u00a0 Dr. MARCO GERARDO MONROY CABRA \u00a0 Bogot\u00e1 D.C., catorce (14) de febrero de dos mil ocho (2008). \u00a0 La Sala Sexta de la Corte Constitucional, integrada por ...<br \/><div class=\"pt-cv-rmwrap\"><a href=\"https:\/\/www.dmsjuridica.com\/buscador_20179478954\/corteconstitucionalcronologico202454587\/t-133-08\/\" class=\"_self pt-cv-readmore btn btn-success\" target=\"_self\">Ver Sentencia Completa...<\/a><\/div><\/div><\/div><\/div>\n<div class=\"col-md-12 col-sm-12 col-xs-12 pt-cv-content-item pt-cv-1-col\" ><div class='pt-cv-ifield'><a href=\"https:\/\/www.dmsjuridica.com\/buscador_20179478954\/corteconstitucionalcronologico202454587\/t-132-08\/\" class=\"_self pt-cv-href-thumbnail pt-cv-thumb-default\" target=\"_self\" ><\/a>\n<div class=\"pt-cv-taxoterm above_title\"><a href='https:\/\/www.dmsjuridica.com\/buscador_20179478954\/corteconstitucionalcronologico202454587\/category\/buscar-en-toda-la-corte\/2008\/tutelas-2008\/' title='Tutelas 2008' class='pt-cv-tax-tutelas-2008'>Tutelas 2008<\/a><\/div>\n<h4 class=\"pt-cv-title\"><a href=\"https:\/\/www.dmsjuridica.com\/buscador_20179478954\/corteconstitucionalcronologico202454587\/t-132-08\/\" class=\"_self\" target=\"_self\" >T-132-08<\/a><\/h4>\n<div class=\"pt-cv-content\">\u00a0 \u00a0 Sentencia T-132\/08 \u00a0 DERECHO A LA ESTABILIDAD LABORAL REFORZADA DE MUJER EMBARAZADA \u00a0 MUJER EMBARAZADA EN CONTRATO A TERMINO FIJO-No existe prueba de la notificaci\u00f3n del embarazo al empleador antes de la terminaci\u00f3n del contrato\u00a0 \u00a0 MUJER EMBARAZADA EN CONTRATO A TERMINO FIJO-No se demostr\u00f3 relaci\u00f3n directa de causalidad entre el estado de embarazo y la no renovaci\u00f3n del contrato \u00a0 Referencia: expediente T-1.731.170 \u00a0 Peticionaria: Eliana Le\u00f3n Gonz\u00e1lez \u00a0 Accionada: M.O.P BUSINESS AGENCY INTERNATIONAL C.I LTDA. \u00a0 Magistrado Ponente: \u00a0 Dr. MARCO GERARDO MONROY CABRA \u00a0 Bogot\u00e1, D.C., catorce (14) de febrero de dos mil ocho (2008) ...<br \/><div class=\"pt-cv-rmwrap\"><a href=\"https:\/\/www.dmsjuridica.com\/buscador_20179478954\/corteconstitucionalcronologico202454587\/t-132-08\/\" class=\"_self pt-cv-readmore btn btn-success\" target=\"_self\">Ver Sentencia Completa...<\/a><\/div><\/div><\/div><\/div>\n<div class=\"col-md-12 col-sm-12 col-xs-12 pt-cv-content-item pt-cv-1-col\" ><div class='pt-cv-ifield'><a href=\"https:\/\/www.dmsjuridica.com\/buscador_20179478954\/corteconstitucionalcronologico202454587\/t-131-08\/\" class=\"_self pt-cv-href-thumbnail pt-cv-thumb-default\" target=\"_self\" ><\/a>\n<div class=\"pt-cv-taxoterm above_title\"><a href='https:\/\/www.dmsjuridica.com\/buscador_20179478954\/corteconstitucionalcronologico202454587\/category\/buscar-en-toda-la-corte\/2008\/tutelas-2008\/' title='Tutelas 2008' class='pt-cv-tax-tutelas-2008'>Tutelas 2008<\/a><\/div>\n<h4 class=\"pt-cv-title\"><a href=\"https:\/\/www.dmsjuridica.com\/buscador_20179478954\/corteconstitucionalcronologico202454587\/t-131-08\/\" class=\"_self\" target=\"_self\" >T-131-08<\/a><\/h4>\n<div class=\"pt-cv-content\">\u00a0 \u00a0 Sentencia T-131\/08 \u00a0 DERECHO DE SOLDADO QUE ESTUVO SECUESTRADO A QUE SE VALORE NUEVAMENTE PORCENTAJE DE PERDIDA DE CAPACIDAD LABORAL\u00a0 \u00a0 ACCION DE TUTELA TEMERARIA-Presupuestos\u00a0 \u00a0 Tanto la improcedencia como la temeridad requieren de un examen detallado de fallador, teniendo en cuenta que: (i) ni la simple identidad formal de hechos, pretensiones y sujetos, conllevan por s\u00ed misma, la improcedencia de la acci\u00f3n de tutela. En efecto, el juez debe verificar si existe una causa justificativa para la interposici\u00f3n de un nuevo amparo y (ii) la existencia de la llamada \u201ctriple identidad\u201d, no implica la presencia de la ...<br \/><div class=\"pt-cv-rmwrap\"><a href=\"https:\/\/www.dmsjuridica.com\/buscador_20179478954\/corteconstitucionalcronologico202454587\/t-131-08\/\" class=\"_self pt-cv-readmore btn btn-success\" target=\"_self\">Ver Sentencia Completa...<\/a><\/div><\/div><\/div><\/div>\n<div class=\"col-md-12 col-sm-12 col-xs-12 pt-cv-content-item pt-cv-1-col\" ><div class='pt-cv-ifield'><a href=\"https:\/\/www.dmsjuridica.com\/buscador_20179478954\/corteconstitucionalcronologico202454587\/t-130-08\/\" class=\"_self pt-cv-href-thumbnail pt-cv-thumb-default\" target=\"_self\" ><\/a>\n<div class=\"pt-cv-taxoterm above_title\"><a href='https:\/\/www.dmsjuridica.com\/buscador_20179478954\/corteconstitucionalcronologico202454587\/category\/buscar-en-toda-la-corte\/2008\/tutelas-2008\/' title='Tutelas 2008' class='pt-cv-tax-tutelas-2008'>Tutelas 2008<\/a><\/div>\n<h4 class=\"pt-cv-title\"><a href=\"https:\/\/www.dmsjuridica.com\/buscador_20179478954\/corteconstitucionalcronologico202454587\/t-130-08\/\" class=\"_self\" target=\"_self\" >T-130-08<\/a><\/h4>\n<div class=\"pt-cv-content\">\u00a0 \u00a0 Sentencia T-130\/08 \u00a0 INDEMNIZACION POR SER MIEMBRO DE LA COMUNIDAD EMBERA KATIO-Caso en que la empresa Urr\u00e1 se ha negado a registrar a menor \u00a0 La Sala no encuentra que la diferenciaci\u00f3n entre la menor a cuyo nombre es elevada la acci\u00f3n presente y ni\u00f1os de la misma comunidad nacidos en el 2006, tenga idoneidad constitucional, en la medida en que, por el contrario, la distinci\u00f3n hecha a trav\u00e9s de la suspensi\u00f3n de las inscripciones, arguyendo hipot\u00e9ticas irregularidades comunitarias, que es una eventualidad general e impersonal, conduzca a la desvinculaci\u00f3n absoluta del beneficio a que tiene derecho, por ...<br \/><div class=\"pt-cv-rmwrap\"><a href=\"https:\/\/www.dmsjuridica.com\/buscador_20179478954\/corteconstitucionalcronologico202454587\/t-130-08\/\" class=\"_self pt-cv-readmore btn btn-success\" target=\"_self\">Ver Sentencia Completa...<\/a><\/div><\/div><\/div><\/div>\n<div class=\"col-md-12 col-sm-12 col-xs-12 pt-cv-content-item pt-cv-1-col\" ><div class='pt-cv-ifield'><a href=\"https:\/\/www.dmsjuridica.com\/buscador_20179478954\/corteconstitucionalcronologico202454587\/t-129-08\/\" class=\"_self pt-cv-href-thumbnail pt-cv-thumb-default\" target=\"_self\" ><\/a>\n<div class=\"pt-cv-taxoterm above_title\"><a href='https:\/\/www.dmsjuridica.com\/buscador_20179478954\/corteconstitucionalcronologico202454587\/category\/buscar-en-toda-la-corte\/2008\/tutelas-2008\/' title='Tutelas 2008' class='pt-cv-tax-tutelas-2008'>Tutelas 2008<\/a><\/div>\n<h4 class=\"pt-cv-title\"><a href=\"https:\/\/www.dmsjuridica.com\/buscador_20179478954\/corteconstitucionalcronologico202454587\/t-129-08\/\" class=\"_self\" target=\"_self\" >T-129-08<\/a><\/h4>\n<div class=\"pt-cv-content\">\u00a0 \u00a0 Sentencia T-129\/08 \u00a0 ACCION DE TUTELA CONTRA PROVIDENCIAS JUDICIALES-Procedencia excepcional\/ACCION DE TUTELA CONTRA PROVIDENCIAS JUDICIALES-Requisitos generales y especiales de procedibilidad \u00a0 ACCION DE TUTELA-Inmediatez como requisito de procedibilidad \u00a0 ACCION DE TUTELA-T\u00e9rmino razonable de presentaci\u00f3n \u00a0 PRINCIPIO DE INMEDIATEZ-Factores que deben tenerse en cuenta para determinar plazo razonable \u00a0 INDEXACION DE LA PRIMERA MESADA PENSIONAL-Requisito de la inmediatez no es aplicable \u00a0 INDEXACION DE LA PRIMERA MESADA PENSIONAL-Reiteraci\u00f3n de jurisprudencia \u00a0 DERECHO A MANTENER EL PODER ADQUISITIVO DE LAS PENSIONES-Reiteraci\u00f3n de jurisprudencia \u00a0 INDEXACION DE LA PRIMERA MESADA PENSIONAL-Precedente constitucional fijado en la C-862 y C-891A de 2006 ...<br \/><div class=\"pt-cv-rmwrap\"><a href=\"https:\/\/www.dmsjuridica.com\/buscador_20179478954\/corteconstitucionalcronologico202454587\/t-129-08\/\" class=\"_self pt-cv-readmore btn btn-success\" target=\"_self\">Ver Sentencia Completa...<\/a><\/div><\/div><\/div><\/div>\n<div class=\"col-md-12 col-sm-12 col-xs-12 pt-cv-content-item pt-cv-1-col\" ><div class='pt-cv-ifield'><a href=\"https:\/\/www.dmsjuridica.com\/buscador_20179478954\/corteconstitucionalcronologico202454587\/t-128-08\/\" class=\"_self pt-cv-href-thumbnail pt-cv-thumb-default\" target=\"_self\" ><\/a>\n<div class=\"pt-cv-taxoterm above_title\"><a href='https:\/\/www.dmsjuridica.com\/buscador_20179478954\/corteconstitucionalcronologico202454587\/category\/buscar-en-toda-la-corte\/2008\/tutelas-2008\/' title='Tutelas 2008' class='pt-cv-tax-tutelas-2008'>Tutelas 2008<\/a><\/div>\n<h4 class=\"pt-cv-title\"><a href=\"https:\/\/www.dmsjuridica.com\/buscador_20179478954\/corteconstitucionalcronologico202454587\/t-128-08\/\" class=\"_self\" target=\"_self\" >T-128-08<\/a><\/h4>\n<div class=\"pt-cv-content\">\u00a0 \u00a0 Sentencia T-128\/08 \u00a0 DERECHO A LA SALUD-Suministro de medicamentos e insumos para diabetes \u00a0 Referencia: expediente T-1.678.586 \u00a0 Acci\u00f3n de tutela de Iv\u00e1n Mauricio Rodr\u00edguez Salazar, contra Saludcoop EPS, seccional Cundinamarca.\u00a0 \u00a0 Magistrado Ponente:\u00a0 \u00a0 Dr. NILSON PINILLA PINILLA \u00a0 Bogot\u00e1, D. C., catorce (14) de febrero de dos mil ocho (2008). \u00a0 La Sala S\u00e9ptima de Revisi\u00f3n de la Corte Constitucional, integrada por los magistrados Nilson Pinilla Pinilla, Humberto Antonio Sierra Porto y Clara In\u00e9s Vargas Hern\u00e1ndez, en ejercicio de sus competencias constitucionales y legales ha proferido la siguiente \u00a0 SENTENCIA \u00a0 en la revisi\u00f3n del fallo ...<br \/><div class=\"pt-cv-rmwrap\"><a href=\"https:\/\/www.dmsjuridica.com\/buscador_20179478954\/corteconstitucionalcronologico202454587\/t-128-08\/\" class=\"_self pt-cv-readmore btn btn-success\" target=\"_self\">Ver Sentencia Completa...<\/a><\/div><\/div><\/div><\/div>\n<div class=\"col-md-12 col-sm-12 col-xs-12 pt-cv-content-item pt-cv-1-col\" ><div class='pt-cv-ifield'><a href=\"https:\/\/www.dmsjuridica.com\/buscador_20179478954\/corteconstitucionalcronologico202454587\/t-1276-08\/\" class=\"_self pt-cv-href-thumbnail pt-cv-thumb-default\" target=\"_self\" ><\/a>\n<div class=\"pt-cv-taxoterm above_title\"><a href='https:\/\/www.dmsjuridica.com\/buscador_20179478954\/corteconstitucionalcronologico202454587\/category\/buscar-en-toda-la-corte\/2008\/tutelas-2008\/' title='Tutelas 2008' class='pt-cv-tax-tutelas-2008'>Tutelas 2008<\/a><\/div>\n<h4 class=\"pt-cv-title\"><a href=\"https:\/\/www.dmsjuridica.com\/buscador_20179478954\/corteconstitucionalcronologico202454587\/t-1276-08\/\" class=\"_self\" target=\"_self\" >T-1276-08<\/a><\/h4>\n<div class=\"pt-cv-content\">\u00a0 \u00a0 Sentencia T-1276\/08 \u00a0 ACCION DE TUTELA CONTRA PROVIDENCIAS JUDICIALES-Procedencia \u00a0 ACCION DE TUTELA CONTRA PROVIDENCIAS JUDICIALES-Defectos \u00a0 ACCION DE TUTELA CONTRA PROVIDENCIAS JUDICIALES-Defectos adicionales \u00a0 ACCION DE TUTELA CONTRA PROVIDENCIAS JUDICIALES-Reemplazo de la expresi\u00f3n \"v\u00eda de hecho\" por la de \"causales gen\u00e9ricas de procedibilidad\" \u00a0 ADMINISTRACION MUNICIPAL-Competencia de los Concejos Municipales y de los Alcaldes en relaci\u00f3n con la funci\u00f3n de determinar la estructura y las funciones de sus dependencias \u00a0 ALCALDE-En el ejercicio de la funci\u00f3n de crear, suprimir o modificar los empleos de las dependencias de conformidad con la facultad constitucional, no requiere ser revestido de ...<br \/><div class=\"pt-cv-rmwrap\"><a href=\"https:\/\/www.dmsjuridica.com\/buscador_20179478954\/corteconstitucionalcronologico202454587\/t-1276-08\/\" class=\"_self pt-cv-readmore btn btn-success\" target=\"_self\">Ver Sentencia Completa...<\/a><\/div><\/div><\/div><\/div>\n<div class=\"col-md-12 col-sm-12 col-xs-12 pt-cv-content-item pt-cv-1-col\" ><div class='pt-cv-ifield'><a href=\"https:\/\/www.dmsjuridica.com\/buscador_20179478954\/corteconstitucionalcronologico202454587\/t-1275-08\/\" class=\"_self pt-cv-href-thumbnail pt-cv-thumb-default\" target=\"_self\" ><\/a>\n<div class=\"pt-cv-taxoterm above_title\"><a href='https:\/\/www.dmsjuridica.com\/buscador_20179478954\/corteconstitucionalcronologico202454587\/category\/buscar-en-toda-la-corte\/2008\/tutelas-2008\/' title='Tutelas 2008' class='pt-cv-tax-tutelas-2008'>Tutelas 2008<\/a><\/div>\n<h4 class=\"pt-cv-title\"><a href=\"https:\/\/www.dmsjuridica.com\/buscador_20179478954\/corteconstitucionalcronologico202454587\/t-1275-08\/\" class=\"_self\" target=\"_self\" >T-1275-08<\/a><\/h4>\n<div class=\"pt-cv-content\">\u00a0 \u00a0 Sentencia T-1275\/08\u00a0 \u00a0 ACCION DE TUTELA CONTRA PROVIDENCIAS JUDICIALES-Procedencia excepcional \u00a0 ACCION DE TUTELA CONTRA PROVIDENCIAS JUDICIALES-Requisitos generales de procedibilidad\u00a0 \u00a0 ACCION DE TUTELA CONTRA PROVIDENCIAS JUDICIALES-Requisitos especiales de procedibilidad \u00a0 ACCION DE TUTELA CONTRA PROVIDENCIAS JUDICIALES-Clases de defectos \u00a0 DERECHO DE LOS NI\u00d1OS A RECIBIR ALIMENTOS-Derecho fundamental\u00a0 \u00a0 DERECHO DE LOS NI\u00d1OS A RECIBIR ALIMENTOS-Disposiciones constitucionales y legales \u00a0 DERECHO DE LOS NI\u00d1OS A RECIBIR ALIMENTOS-Derecho fundamental protegido por procesos especiales \u00a0 INTERES SUPERIOR DEL MENOR-Criterio determinante para an\u00e1lisis y resoluci\u00f3n de casos en el que se involucren derechos de los ni\u00f1os\u00a0 \u00a0 INTERES SUPERIOR DEL MENOR-Prevalece ...<br \/><div class=\"pt-cv-rmwrap\"><a href=\"https:\/\/www.dmsjuridica.com\/buscador_20179478954\/corteconstitucionalcronologico202454587\/t-1275-08\/\" class=\"_self pt-cv-readmore btn btn-success\" target=\"_self\">Ver Sentencia Completa...<\/a><\/div><\/div><\/div><\/div>\n<div class=\"col-md-12 col-sm-12 col-xs-12 pt-cv-content-item pt-cv-1-col\" ><div class='pt-cv-ifield'><a href=\"https:\/\/www.dmsjuridica.com\/buscador_20179478954\/corteconstitucionalcronologico202454587\/t-1274-08\/\" class=\"_self pt-cv-href-thumbnail pt-cv-thumb-default\" target=\"_self\" ><\/a>\n<div class=\"pt-cv-taxoterm above_title\"><a href='https:\/\/www.dmsjuridica.com\/buscador_20179478954\/corteconstitucionalcronologico202454587\/category\/buscar-en-toda-la-corte\/2008\/tutelas-2008\/' title='Tutelas 2008' class='pt-cv-tax-tutelas-2008'>Tutelas 2008<\/a><\/div>\n<h4 class=\"pt-cv-title\"><a href=\"https:\/\/www.dmsjuridica.com\/buscador_20179478954\/corteconstitucionalcronologico202454587\/t-1274-08\/\" class=\"_self\" target=\"_self\" >T-1274-08<\/a><\/h4>\n<div class=\"pt-cv-content\">\u00a0 \u00a0 Sentencia T-1274\/08 \u00a0 DECRETO REGLAMENTARIO DE COMPETENCIA PARA REPARTO DE ACCION DE TUTELA-Inaplicaci\u00f3n \u00a0 ACCION DE TUTELA CONTRA CUALQUIER AUTORIDAD PUBLICA-Procedencia \u00a0 \u00a0 \u00a0 CORTE CONSTITUCIONAL-Funci\u00f3n de revisar las decisiones judiciales relacionadas con la acci\u00f3n de tutela \u00a0 ACCION DE TUTELA-Puede ser interpuesta ante cualquier juez unipersonal o colegiado ante la negativa de ciertas corporaciones judiciales \u00a0 ACCION DE TUTELA-Notificaci\u00f3n al demandado y partes interesadas de la iniciaci\u00f3n de la acci\u00f3n \u00a0 ACCION DE TUTELA CONTRA PROVIDENCIAS JUDICIALES-Requisitos generales de procedibilidad\u00a0 \u00a0 PRINCIPIO DE CONGRUENCIA DE LAS SENTENCIAS-Alcance \u00a0 ACCION DE TUTELA CONTRA PROVIDENCIAS JUDICIALES-Denegaci\u00f3n porque no se ...<br \/><div class=\"pt-cv-rmwrap\"><a href=\"https:\/\/www.dmsjuridica.com\/buscador_20179478954\/corteconstitucionalcronologico202454587\/t-1274-08\/\" class=\"_self pt-cv-readmore btn btn-success\" target=\"_self\">Ver Sentencia Completa...<\/a><\/div><\/div><\/div><\/div>\n<div class=\"col-md-12 col-sm-12 col-xs-12 pt-cv-content-item pt-cv-1-col\" ><div class='pt-cv-ifield'><a href=\"https:\/\/www.dmsjuridica.com\/buscador_20179478954\/corteconstitucionalcronologico202454587\/t-1273-08\/\" class=\"_self pt-cv-href-thumbnail pt-cv-thumb-default\" target=\"_self\" ><\/a>\n<div class=\"pt-cv-taxoterm above_title\"><a href='https:\/\/www.dmsjuridica.com\/buscador_20179478954\/corteconstitucionalcronologico202454587\/category\/buscar-en-toda-la-corte\/2008\/tutelas-2008\/' title='Tutelas 2008' class='pt-cv-tax-tutelas-2008'>Tutelas 2008<\/a><\/div>\n<h4 class=\"pt-cv-title\"><a href=\"https:\/\/www.dmsjuridica.com\/buscador_20179478954\/corteconstitucionalcronologico202454587\/t-1273-08\/\" class=\"_self\" target=\"_self\" >T-1273-08<\/a><\/h4>\n<div class=\"pt-cv-content\">\u00a0 \u00a0 SENTENCIA T-1273\/08 \u00a0 (Diciembre 18, Bogot\u00e1 DC.) \u00a0 \u00a0 \u00a0 \u00a0 \u00a0 \u00a0 \u00a0 \u00a0 \u00a0 \u00a0 DERECHO A LA SEGURIDAD SOCIAL EN SALUD-Protecci\u00f3n constitucional \u00a0 INCAPACIDAD LABORAL-Por enfermedad general \u00a0 INCAPACIDAD POR ENFERMEDAD NO PROFESIONAL-Revisi\u00f3n de normas reglamentarias de la Ley 100\/93 que agrupan requisitos que condicionan reconocimiento \u00a0 TRABAJADOR INDEPENDIENTE-Requisitos para el pago de la licencia por enfermedad general \u00a0 Los requisitos a cumplir un trabajador independiente para reclamar el pago de una licencia por enfermedad general, son: (i) haber cotizado al Sistema, de forma ininterrumpida y completa, por un periodo m\u00ednimo de cuatro semanas anteriores ...<br \/><div class=\"pt-cv-rmwrap\"><a href=\"https:\/\/www.dmsjuridica.com\/buscador_20179478954\/corteconstitucionalcronologico202454587\/t-1273-08\/\" class=\"_self pt-cv-readmore btn btn-success\" target=\"_self\">Ver Sentencia Completa...<\/a><\/div><\/div><\/div><\/div>\n<div class=\"col-md-12 col-sm-12 col-xs-12 pt-cv-content-item pt-cv-1-col\" ><div class='pt-cv-ifield'><a href=\"https:\/\/www.dmsjuridica.com\/buscador_20179478954\/corteconstitucionalcronologico202454587\/t-1272-08\/\" class=\"_self pt-cv-href-thumbnail pt-cv-thumb-default\" target=\"_self\" ><\/a>\n<div class=\"pt-cv-taxoterm above_title\"><a href='https:\/\/www.dmsjuridica.com\/buscador_20179478954\/corteconstitucionalcronologico202454587\/category\/buscar-en-toda-la-corte\/2008\/tutelas-2008\/' title='Tutelas 2008' class='pt-cv-tax-tutelas-2008'>Tutelas 2008<\/a><\/div>\n<h4 class=\"pt-cv-title\"><a href=\"https:\/\/www.dmsjuridica.com\/buscador_20179478954\/corteconstitucionalcronologico202454587\/t-1272-08\/\" class=\"_self\" target=\"_self\" >T-1272-08<\/a><\/h4>\n<div class=\"pt-cv-content\">\u00a0 \u00a0 SENTENCIA T-1272\/08 \u00a0 (Diciembre 18, Bogot\u00e1 DC.) \u00a0 RELACIONES DE ESPECIAL SUJECION-Estado debe garantizar el derecho a la salud de los internos \u00a0 DERECHO A LA SALUD-Fundamental por conexidad \u00a0 DERECHO A LA SALUD DEL INTERNO-Preservaci\u00f3n por el Estado\/DERECHO A LA SALUD DEL INTERNO-Atenci\u00f3n m\u00e9dica adecuada, digna y oportuna\/ESTABLECIMIENTO CARCELARIO-Atenci\u00f3n m\u00e9dica adecuada, digna y oportuna de presos \u00a0 PRINCIPIO DE DIGNIDAD HUMANA-Respeto \u00a0 DERECHO A LA SALUD DEL INTERNO-Pr\u00e1ctica de ex\u00e1menes \u00a0 DERECHO A LA SALUD-Incorpora el derecho al diagn\u00f3stico\u00a0 \u00a0 ACCION DE TUTELA CONTRA ESTABLECIMIENTO CARCELARIO-Deber de iniciar gestiones tendientes a la realizaci\u00f3n de intervenci\u00f3n quir\u00fargica de ...<br \/><div class=\"pt-cv-rmwrap\"><a href=\"https:\/\/www.dmsjuridica.com\/buscador_20179478954\/corteconstitucionalcronologico202454587\/t-1272-08\/\" class=\"_self pt-cv-readmore btn btn-success\" target=\"_self\">Ver Sentencia Completa...<\/a><\/div><\/div><\/div><\/div>\n<div class=\"col-md-12 col-sm-12 col-xs-12 pt-cv-content-item pt-cv-1-col\" ><div class='pt-cv-ifield'><a href=\"https:\/\/www.dmsjuridica.com\/buscador_20179478954\/corteconstitucionalcronologico202454587\/t-1271-08\/\" class=\"_self pt-cv-href-thumbnail pt-cv-thumb-default\" target=\"_self\" ><\/a>\n<div class=\"pt-cv-taxoterm above_title\"><a href='https:\/\/www.dmsjuridica.com\/buscador_20179478954\/corteconstitucionalcronologico202454587\/category\/buscar-en-toda-la-corte\/2008\/tutelas-2008\/' title='Tutelas 2008' class='pt-cv-tax-tutelas-2008'>Tutelas 2008<\/a><\/div>\n<h4 class=\"pt-cv-title\"><a href=\"https:\/\/www.dmsjuridica.com\/buscador_20179478954\/corteconstitucionalcronologico202454587\/t-1271-08\/\" class=\"_self\" target=\"_self\" >T-1271-08<\/a><\/h4>\n<div class=\"pt-cv-content\">\u00a0 \u00a0 SENTENCIA T-1271\/08 \u00a0 (Diciembre 18, Bogot\u00e1 DC.) \u00a0 DERECHO A LA SALUD-Protecci\u00f3n \u00a0 DERECHO A LA SALUD-Fundamental \u00a0 PRINCIPIO DE SOLIDARIDAD EN SALUD-Alcance \u00a0 PRINCIPIO DE INTEGRALIDAD DEL SISTEMA DE SEGURIDAD SOCIAL EN SALUD-Contenido \u00a0 INAPLICACION DE NORMAS DEL PLAN OBLIGATORIO DE SALUD-Casos en que procede por exclusi\u00f3n de tratamientos y medicamentos de alto costo \u00a0 SERVICIOS MEDICOS NECESARIOS EXCLUIDOS DEL POS-Reglas jurisprudenciales \u00a0 SERVICIOS MEDICOS NECESARIOS EN SALUD-Concepto \u00a0 La Corte consider\u00f3 que los servicios m\u00e9dicos necesarios para la recuperaci\u00f3n de la salud de una persona, ser\u00e1n aquellos que le hayan sido diagnosticados por su m\u00e9dico tratante, ...<br \/><div class=\"pt-cv-rmwrap\"><a href=\"https:\/\/www.dmsjuridica.com\/buscador_20179478954\/corteconstitucionalcronologico202454587\/t-1271-08\/\" class=\"_self pt-cv-readmore btn btn-success\" target=\"_self\">Ver Sentencia Completa...<\/a><\/div><\/div><\/div><\/div>\n<div class=\"col-md-12 col-sm-12 col-xs-12 pt-cv-content-item pt-cv-1-col\" ><div class='pt-cv-ifield'><a href=\"https:\/\/www.dmsjuridica.com\/buscador_20179478954\/corteconstitucionalcronologico202454587\/t-1270-08\/\" class=\"_self pt-cv-href-thumbnail pt-cv-thumb-default\" target=\"_self\" ><\/a>\n<div class=\"pt-cv-taxoterm above_title\"><a href='https:\/\/www.dmsjuridica.com\/buscador_20179478954\/corteconstitucionalcronologico202454587\/category\/buscar-en-toda-la-corte\/2008\/tutelas-2008\/' title='Tutelas 2008' class='pt-cv-tax-tutelas-2008'>Tutelas 2008<\/a><\/div>\n<h4 class=\"pt-cv-title\"><a href=\"https:\/\/www.dmsjuridica.com\/buscador_20179478954\/corteconstitucionalcronologico202454587\/t-1270-08\/\" class=\"_self\" target=\"_self\" >T-1270-08<\/a><\/h4>\n<div class=\"pt-cv-content\">\u00a0 \u00a0 {p} \u00a0 Expediente T-2.013.642 \u00a0 SENTENCIA T-1270\/08 \u00a0 (Diciembre 18, Bogot\u00e1 DC.) \u00a0 DERECHO A LA SALUD-Protecci\u00f3n \u00a0 DERECHO A LA SEGURIDAD SOCIAL EN SALUD-Alcance \u00a0 SISTEMA DE SEGURIDAD SOCIAL EN SALUD-Cuotas moderadoras o copagos \u00a0 SISTEMA GENERAL DE SEGURIDAD SOCIAL EN SALUD-Cuotas moderadoras o copagos no pueden convertirse en barreras de acceso al servicio \u00a0 DERECHO A LA SALUD-Casos en que no se exigen copagos ni cuotas moderadoras \u00a0 ACCION DE TUTELA-Hecho superado por haber sido autorizados los ex\u00e1menes de diagn\u00f3stico ordenados por el m\u00e9dico tratante \u00a0 Referencia: expediente T-2.013.642 \u00a0 Accionante: Mar\u00eda Orfilia Acevedo Saldarriaga como ...<br \/><div class=\"pt-cv-rmwrap\"><a href=\"https:\/\/www.dmsjuridica.com\/buscador_20179478954\/corteconstitucionalcronologico202454587\/t-1270-08\/\" class=\"_self pt-cv-readmore btn btn-success\" target=\"_self\">Ver Sentencia Completa...<\/a><\/div><\/div><\/div><\/div>\n<div class=\"col-md-12 col-sm-12 col-xs-12 pt-cv-content-item pt-cv-1-col\" ><div class='pt-cv-ifield'><a href=\"https:\/\/www.dmsjuridica.com\/buscador_20179478954\/corteconstitucionalcronologico202454587\/t-1269-08\/\" class=\"_self pt-cv-href-thumbnail pt-cv-thumb-default\" target=\"_self\" ><\/a>\n<div class=\"pt-cv-taxoterm above_title\"><a href='https:\/\/www.dmsjuridica.com\/buscador_20179478954\/corteconstitucionalcronologico202454587\/category\/buscar-en-toda-la-corte\/2008\/tutelas-2008\/' title='Tutelas 2008' class='pt-cv-tax-tutelas-2008'>Tutelas 2008<\/a><\/div>\n<h4 class=\"pt-cv-title\"><a href=\"https:\/\/www.dmsjuridica.com\/buscador_20179478954\/corteconstitucionalcronologico202454587\/t-1269-08\/\" class=\"_self\" target=\"_self\" >T-1269-08<\/a><\/h4>\n<div class=\"pt-cv-content\">\u00a0 \u00a0 SENTENCIA T-1269\/08 \u00a0 (Diciembre 18, Bogot\u00e1 DC) \u00a0 HECHO SUPERADO-Concepto \u00a0 ACCION DE TUTELA-Hecho superado por cuanto la Contralor\u00eda de Bogot\u00e1 decidi\u00f3 cesar la acci\u00f3n fiscal por haber operado el fen\u00f3meno de la prescripci\u00f3n \u00a0 Referencia: expediente T-1.940.150 \u00a0 Accionante: \"Unisys de Colombia S.A.\" \u00a0 Accionado: Contralor\u00eda de Bogot\u00e1, D.C.,\u00a0 \u00a0 Derechos fundamentales invocados: derecho al debido proceso y derecho de petici\u00f3n. Vulneraci\u00f3n alegada: adelantamiento de juicio fiscal en su contra sin jurisdicci\u00f3n y competencia del ente de control demandado y negativa a responder una petici\u00f3n. Pretensi\u00f3n del actor: cesaci\u00f3n del proceso de responsabilidad fiscal sobre la base ...<br \/><div class=\"pt-cv-rmwrap\"><a href=\"https:\/\/www.dmsjuridica.com\/buscador_20179478954\/corteconstitucionalcronologico202454587\/t-1269-08\/\" class=\"_self pt-cv-readmore btn btn-success\" target=\"_self\">Ver Sentencia Completa...<\/a><\/div><\/div><\/div><\/div>\n<div class=\"col-md-12 col-sm-12 col-xs-12 pt-cv-content-item pt-cv-1-col\" ><div class='pt-cv-ifield'><a href=\"https:\/\/www.dmsjuridica.com\/buscador_20179478954\/corteconstitucionalcronologico202454587\/t-1268-08\/\" class=\"_self pt-cv-href-thumbnail pt-cv-thumb-default\" target=\"_self\" ><\/a>\n<div class=\"pt-cv-taxoterm above_title\"><a href='https:\/\/www.dmsjuridica.com\/buscador_20179478954\/corteconstitucionalcronologico202454587\/category\/buscar-en-toda-la-corte\/2008\/tutelas-2008\/' title='Tutelas 2008' class='pt-cv-tax-tutelas-2008'>Tutelas 2008<\/a><\/div>\n<h4 class=\"pt-cv-title\"><a href=\"https:\/\/www.dmsjuridica.com\/buscador_20179478954\/corteconstitucionalcronologico202454587\/t-1268-08\/\" class=\"_self\" target=\"_self\" >T-1268-08<\/a><\/h4>\n<div class=\"pt-cv-content\">\u00a0 \u00a0 SENTENCIA T-1268\/08 \u00a0 (Diciembre 18, Bogot\u00e1 D.C.) \u00a0 DERECHOS DE PARTICIPACION POLITICA\/DERECHO AL RECONOCIMIENTO DE LA PERSONALIDAD JURIDICA\/HECHO SUPERADO POR TOMA DE POSESION DE CURUL COMO SENADOR \u00a0 Referencia: Expediente T-1.884.210 \u00a0 Accionante: Jorge Enrique G\u00f3mez Montealegre\u00a0 \u00a0 Accionados: Mesa Directiva del Senado de la Rep\u00fablica y Presidenta del Senado de la Rep\u00fablica. \u00a0 Derechos fundamentales invocados: derechos de participaci\u00f3n pol\u00edtica, al reconocimiento de la personalidad jur\u00eddica y a la igualdad. Vulneraci\u00f3n alegada: omisi\u00f3n de llamamiento para toma de posesi\u00f3n como senador de la Rep\u00fablica. Pretensi\u00f3n del actor: toma de posesi\u00f3n de su curul de senador. \u00a0 Fallo ...<br \/><div class=\"pt-cv-rmwrap\"><a href=\"https:\/\/www.dmsjuridica.com\/buscador_20179478954\/corteconstitucionalcronologico202454587\/t-1268-08\/\" class=\"_self pt-cv-readmore btn btn-success\" target=\"_self\">Ver Sentencia Completa...<\/a><\/div><\/div><\/div><\/div>\n<div class=\"col-md-12 col-sm-12 col-xs-12 pt-cv-content-item pt-cv-1-col\" ><div class='pt-cv-ifield'><a href=\"https:\/\/www.dmsjuridica.com\/buscador_20179478954\/corteconstitucionalcronologico202454587\/t-1267-08\/\" class=\"_self pt-cv-href-thumbnail pt-cv-thumb-default\" target=\"_self\" ><\/a>\n<div class=\"pt-cv-taxoterm above_title\"><a href='https:\/\/www.dmsjuridica.com\/buscador_20179478954\/corteconstitucionalcronologico202454587\/category\/buscar-en-toda-la-corte\/2008\/tutelas-2008\/' title='Tutelas 2008' class='pt-cv-tax-tutelas-2008'>Tutelas 2008<\/a><\/div>\n<h4 class=\"pt-cv-title\"><a href=\"https:\/\/www.dmsjuridica.com\/buscador_20179478954\/corteconstitucionalcronologico202454587\/t-1267-08\/\" class=\"_self\" target=\"_self\" >T-1267-08<\/a><\/h4>\n<div class=\"pt-cv-content\">\u00a0 \u00a0 SENTENCIA T-1267\/08 \u00a0 (Diciembre 18, Bogot\u00e1 DC.) \u00a0 ACCION DE TUTELA CONTRA PROVIDENCIAS JUDICIALES-Causales de procedibilidad \u00a0 ACCION DE TUTELA CONTRA PROVIDENCIAS JUDICIALES-No se configura un defecto org\u00e1nico cuando se trata de una sentencia proferida por autoridad competente \u00a0 ACCION DE TUTELA CONTRA PROVIDENCIAS JUDICIALES-Inexistencia de defecto procedimental por haberse seguido el procedimiento establecido en la ley \u00a0 ACCION DE TUTELA CONTRA PROVIDENCIAS JUDICIALES-Inexistencia de defecto f\u00e1ctico en tanto la decisi\u00f3n aparece sustentada en pruebas que obraron en el proceso y fueron apreciadas en conjunto de acuerdo a los postulados de la l\u00f3gica y las reglas de la ...<br \/><div class=\"pt-cv-rmwrap\"><a href=\"https:\/\/www.dmsjuridica.com\/buscador_20179478954\/corteconstitucionalcronologico202454587\/t-1267-08\/\" class=\"_self pt-cv-readmore btn btn-success\" target=\"_self\">Ver Sentencia Completa...<\/a><\/div><\/div><\/div><\/div>\n<div class=\"col-md-12 col-sm-12 col-xs-12 pt-cv-content-item pt-cv-1-col\" ><div class='pt-cv-ifield'><a href=\"https:\/\/www.dmsjuridica.com\/buscador_20179478954\/corteconstitucionalcronologico202454587\/t-1266-08\/\" class=\"_self pt-cv-href-thumbnail pt-cv-thumb-default\" target=\"_self\" ><\/a>\n<div class=\"pt-cv-taxoterm above_title\"><a href='https:\/\/www.dmsjuridica.com\/buscador_20179478954\/corteconstitucionalcronologico202454587\/category\/buscar-en-toda-la-corte\/2008\/tutelas-2008\/' title='Tutelas 2008' class='pt-cv-tax-tutelas-2008'>Tutelas 2008<\/a><\/div>\n<h4 class=\"pt-cv-title\"><a href=\"https:\/\/www.dmsjuridica.com\/buscador_20179478954\/corteconstitucionalcronologico202454587\/t-1266-08\/\" class=\"_self\" target=\"_self\" >T-1266-08<\/a><\/h4>\n<div class=\"pt-cv-content\">\u00a0 \u00a0 SENTENCIA T-1266\/08 \u00a0 (Diciembre 18, Bogot\u00e1 DC) \u00a0 ACCION DE TUTELA CONTRA PROVIDENCIAS JUDICIALES-Requisitos generales \u00a0 DERECHO A LA IGUALDAD-Criterios de selecci\u00f3n de personal para acceder a un cargo p\u00fablico \u00a0 Respecto al derecho a la igualdad y los criterios de selecci\u00f3n de personal para el desempe\u00f1o de cargos p\u00fablicos, la Corte Constitucional precis\u00f3 que: (i) las entidades p\u00fablicas y privadas al igual que los cuerpos armados pueden exigir requisitos para desempe\u00f1ar determinadas labores; (ii) los requerimientos que se establezcan para un proceso de selecci\u00f3n no deben fijar en forma expl\u00edcita o impl\u00edcita discriminaciones o preferencias carentes de ...<br \/><div class=\"pt-cv-rmwrap\"><a href=\"https:\/\/www.dmsjuridica.com\/buscador_20179478954\/corteconstitucionalcronologico202454587\/t-1266-08\/\" class=\"_self pt-cv-readmore btn btn-success\" target=\"_self\">Ver Sentencia Completa...<\/a><\/div><\/div><\/div><\/div>\n<div class=\"col-md-12 col-sm-12 col-xs-12 pt-cv-content-item pt-cv-1-col\" ><div class='pt-cv-ifield'><a href=\"https:\/\/www.dmsjuridica.com\/buscador_20179478954\/corteconstitucionalcronologico202454587\/t-1265-08\/\" class=\"_self pt-cv-href-thumbnail pt-cv-thumb-default\" target=\"_self\" ><\/a>\n<div class=\"pt-cv-taxoterm above_title\"><a href='https:\/\/www.dmsjuridica.com\/buscador_20179478954\/corteconstitucionalcronologico202454587\/category\/buscar-en-toda-la-corte\/2008\/tutelas-2008\/' title='Tutelas 2008' class='pt-cv-tax-tutelas-2008'>Tutelas 2008<\/a><\/div>\n<h4 class=\"pt-cv-title\"><a href=\"https:\/\/www.dmsjuridica.com\/buscador_20179478954\/corteconstitucionalcronologico202454587\/t-1265-08\/\" class=\"_self\" target=\"_self\" >T-1265-08<\/a><\/h4>\n<div class=\"pt-cv-content\">\u00a0 \u00a0 SENTENCIA T-1265\/08 \u00a0 (Diciembre 18, Bogot\u00e1 DC) \u00a0 ACCION DE TUTELA CONTRA DECISIONES JUDICIALES DE LA FISCALIA-Requisitos de procedibilidad de la acci\u00f3n de tutela\u00a0 \u00a0 ACCION DE TUTELA CONTRA DECISIONES JUDICIALES DE LA FISCALIA-Caso en que la no pr\u00e1ctica de pruebas por parte de la autoridad judicial no se erige en una causal gen\u00e9rica de procedibilidad por defecto f\u00e1ctico\u00a0 \u00a0 No puede inferirse que la no pr\u00e1ctica de pruebas por parte del fiscal investigador, suponga de antemano que su conducta sea equivocada o negligente. Recordemos que el fiscal s\u00f3lo acopiar\u00e1 las pruebas que sean necesarias, oportunas, pertinentes, conducentes ...<br \/><div class=\"pt-cv-rmwrap\"><a href=\"https:\/\/www.dmsjuridica.com\/buscador_20179478954\/corteconstitucionalcronologico202454587\/t-1265-08\/\" class=\"_self pt-cv-readmore btn btn-success\" target=\"_self\">Ver Sentencia Completa...<\/a><\/div><\/div><\/div><\/div>\n<div class=\"col-md-12 col-sm-12 col-xs-12 pt-cv-content-item pt-cv-1-col\" ><div class='pt-cv-ifield'><a href=\"https:\/\/www.dmsjuridica.com\/buscador_20179478954\/corteconstitucionalcronologico202454587\/t-1264-08\/\" class=\"_self pt-cv-href-thumbnail pt-cv-thumb-default\" target=\"_self\" ><\/a>\n<div class=\"pt-cv-taxoterm above_title\"><a href='https:\/\/www.dmsjuridica.com\/buscador_20179478954\/corteconstitucionalcronologico202454587\/category\/buscar-en-toda-la-corte\/2008\/tutelas-2008\/' title='Tutelas 2008' class='pt-cv-tax-tutelas-2008'>Tutelas 2008<\/a><\/div>\n<h4 class=\"pt-cv-title\"><a href=\"https:\/\/www.dmsjuridica.com\/buscador_20179478954\/corteconstitucionalcronologico202454587\/t-1264-08\/\" class=\"_self\" target=\"_self\" >T-1264-08<\/a><\/h4>\n<div class=\"pt-cv-content\">\u00a0 \u00a0 SENTENCIA T-1264\/08 \u00a0 (Diciembre 18, Bogot\u00e1 D.C) \u00a0 ACCION DE TUTELA CONTRA PARTICULARES-Procedencia \u00a0 ACCION DE TUTELA CONTRA PARTICULARES-Subordinaci\u00f3n o indefensi\u00f3n frente al particular accionado \u00a0 MEDIO DE DEFENSA JUDICIAL EFICAZ-Alcance \u00a0 DERECHOS FUNDAMENTALES DEL ADULTO MAYOR-Protecci\u00f3n constitucional especial \u00a0 ADULTO MAYOR-Protecci\u00f3n especial en materia pensional \u00a0 PERJUICIO IRREMEDIABLE-Elementos \u00a0 DERECHO DE ASOCIACION-Fundamental \u00a0 COMUNIDAD DE VECINOS-Naturaleza, vigilancia y facultades sobre el espacio p\u00fablico \u00a0 ESPACIO PUBLICO-Alcance \u00a0 ESPACIO PUBLICO-Reglas constitucionales \u00a0 PERSONA EN CIRCUNSTANCIAS DE DEBILIDAD MANIFIESTA-Protecci\u00f3n especial \u00a0 PERSONA DE LA TERCERA EDAD-Protecci\u00f3n especial por encontrarse en circunstancias de debilidad manifiesta \u00a0 CONTRATO DE TRABAJO-Elementos \u00a0 ...<br \/><div class=\"pt-cv-rmwrap\"><a href=\"https:\/\/www.dmsjuridica.com\/buscador_20179478954\/corteconstitucionalcronologico202454587\/t-1264-08\/\" class=\"_self pt-cv-readmore btn btn-success\" target=\"_self\">Ver Sentencia Completa...<\/a><\/div><\/div><\/div><\/div>\n<div class=\"col-md-12 col-sm-12 col-xs-12 pt-cv-content-item pt-cv-1-col\" ><div class='pt-cv-ifield'><a href=\"https:\/\/www.dmsjuridica.com\/buscador_20179478954\/corteconstitucionalcronologico202454587\/t-1263-08\/\" class=\"_self pt-cv-href-thumbnail pt-cv-thumb-default\" target=\"_self\" ><\/a>\n<div class=\"pt-cv-taxoterm above_title\"><a href='https:\/\/www.dmsjuridica.com\/buscador_20179478954\/corteconstitucionalcronologico202454587\/category\/buscar-en-toda-la-corte\/2008\/tutelas-2008\/' title='Tutelas 2008' class='pt-cv-tax-tutelas-2008'>Tutelas 2008<\/a><\/div>\n<h4 class=\"pt-cv-title\"><a href=\"https:\/\/www.dmsjuridica.com\/buscador_20179478954\/corteconstitucionalcronologico202454587\/t-1263-08\/\" class=\"_self\" target=\"_self\" >T-1263-08<\/a><\/h4>\n<div class=\"pt-cv-content\">\u00a0 \u00a0 Sentencia T-1263\/08 \u00a0 ACCION DE TUTELA CONTRA PROVIDENCIAS JUDICIALES-L\u00ednea jurisprudencial \u00a0 VIA DE HECHO JUDICIAL-Aplicaci\u00f3n restrictiva en materia de interpretaci\u00f3n \u00a0 VIA DE HECHO EN MATERIA DE INTERPRETACION-No se configura por el simple hecho de contrariar criterio de otros operadores jur\u00eddicos\/INTERPRETACION DE FUENTES FORMALES DEL DERECHO-Autonom\u00eda judicial \u00a0 ACCION DE TUTELA CONTRA PROVIDENCIAS JUDICIALES POR VIA DE HECHO-Improcedencia por existir otro medio de defensa judicial \u00a0 Referencia: expediente T-781.454 \u00a0 Peticionario: Claudio Borrero Quijano\u00a0 \u00a0 Accionado: Sala Penal de la Corte Suprema de Justicia\u00a0 \u00a0 Magistrado Ponente:\u00a0 \u00a0 Dr. MARCO GERARDO MONROY CABRA \u00a0 Bogot\u00e1 D.C., diez y ...<br \/><div class=\"pt-cv-rmwrap\"><a href=\"https:\/\/www.dmsjuridica.com\/buscador_20179478954\/corteconstitucionalcronologico202454587\/t-1263-08\/\" class=\"_self pt-cv-readmore btn btn-success\" target=\"_self\">Ver Sentencia Completa...<\/a><\/div><\/div><\/div><\/div>\n<div class=\"col-md-12 col-sm-12 col-xs-12 pt-cv-content-item pt-cv-1-col\" ><div class='pt-cv-ifield'><a href=\"https:\/\/www.dmsjuridica.com\/buscador_20179478954\/corteconstitucionalcronologico202454587\/t-1262-08\/\" class=\"_self pt-cv-href-thumbnail pt-cv-thumb-default\" target=\"_self\" ><\/a>\n<div class=\"pt-cv-taxoterm above_title\"><a href='https:\/\/www.dmsjuridica.com\/buscador_20179478954\/corteconstitucionalcronologico202454587\/category\/buscar-en-toda-la-corte\/2008\/tutelas-2008\/' title='Tutelas 2008' class='pt-cv-tax-tutelas-2008'>Tutelas 2008<\/a><\/div>\n<h4 class=\"pt-cv-title\"><a href=\"https:\/\/www.dmsjuridica.com\/buscador_20179478954\/corteconstitucionalcronologico202454587\/t-1262-08\/\" class=\"_self\" target=\"_self\" >T-1262-08<\/a><\/h4>\n<div class=\"pt-cv-content\">\u00a0 \u00a0 SENTENCIA T-1262\/08 \u00a0 (Diciembre 18, Bogot\u00e1 DC) \u00a0 DERECHO A LA SALUD-Doble connotaci\u00f3n \u00a0 FONDO NACIONAL DE PRESTACIONES SOCIALES DEL MAGISTERIO-Desarrollo legislativo \u00a0 FONDO NACIONAL DE PRESTACIONES SOCIALES DEL MAGISTERIO-R\u00e9gimen especial de seguridad social en salud de los docentes \u00a0 REGIMEN DE SEGURIDAD SOCIAL EN SALUD PARA EL MAGISTERIO-Beneficiarios \u00a0 ACCION DE TUTELA CONTRA FONDO NACIONAL DE PRESTACIONES SOCIALES DEL MAGISTERIO-Deber de garantizar servicios de salud a estudiante entre los 19 y 25 a\u00f1os de edad beneficiaria de su madre afiliada, en su condici\u00f3n de estudiante de la jornada acad\u00e9mica diurna\u00a0 \u00a0 Referencia: Expediente T-1.468.528 \u00a0 Accionante: Natalia ...<br \/><div class=\"pt-cv-rmwrap\"><a href=\"https:\/\/www.dmsjuridica.com\/buscador_20179478954\/corteconstitucionalcronologico202454587\/t-1262-08\/\" class=\"_self pt-cv-readmore btn btn-success\" target=\"_self\">Ver Sentencia Completa...<\/a><\/div><\/div><\/div><\/div>\n<div class=\"col-md-12 col-sm-12 col-xs-12 pt-cv-content-item pt-cv-1-col\" ><div class='pt-cv-ifield'><a href=\"https:\/\/www.dmsjuridica.com\/buscador_20179478954\/corteconstitucionalcronologico202454587\/t-1261-08\/\" class=\"_self pt-cv-href-thumbnail pt-cv-thumb-default\" target=\"_self\" ><\/a>\n<div class=\"pt-cv-taxoterm above_title\"><a href='https:\/\/www.dmsjuridica.com\/buscador_20179478954\/corteconstitucionalcronologico202454587\/category\/buscar-en-toda-la-corte\/2008\/tutelas-2008\/' title='Tutelas 2008' class='pt-cv-tax-tutelas-2008'>Tutelas 2008<\/a><\/div>\n<h4 class=\"pt-cv-title\"><a href=\"https:\/\/www.dmsjuridica.com\/buscador_20179478954\/corteconstitucionalcronologico202454587\/t-1261-08\/\" class=\"_self\" target=\"_self\" >T-1261-08<\/a><\/h4>\n<div class=\"pt-cv-content\">\u00a0 \u00a0 Sentencia T-1261\/08 \u00a0 ACCION DE TUTELA CONTRA INSTITUCION UNIVERSITARIA-Vulneraci\u00f3n del derecho a la educaci\u00f3n a miembro de comunidad afrodescendiente \u00a0 ACCION DE TUTELA CONTRA INSTITUCION UNIVERSITARIA-Deber de disponer lo necesario para realizar una nueva valoraci\u00f3n de la situaci\u00f3n econ\u00f3mica de miembro de comunidad afrodescendiante para garantizar el acceso a la educaci\u00f3n superior \u00a0 Referencia: expediente T-1.866.865 \u00a0 Accionante:\u00a0 \u00a0 Arbey Caicedo Rodr\u00edguez. \u00a0 Demandado:\u00a0 \u00a0 Universidad del Valle, sede Tulu\u00e1. \u00a0 Magistrado Ponente:\u00a0 \u00a0 Dr. RODRIGO ESCOBAR GIL \u00a0 La Sala Cuarta de Revisi\u00f3n de la Corte Constitucional, integrada por los Magistrados Rodrigo Escobar Gil, Mauricio Gonz\u00e1lez Cuervo ...<br \/><div class=\"pt-cv-rmwrap\"><a href=\"https:\/\/www.dmsjuridica.com\/buscador_20179478954\/corteconstitucionalcronologico202454587\/t-1261-08\/\" class=\"_self pt-cv-readmore btn btn-success\" target=\"_self\">Ver Sentencia Completa...<\/a><\/div><\/div><\/div><\/div>\n<div class=\"col-md-12 col-sm-12 col-xs-12 pt-cv-content-item pt-cv-1-col\" ><div class='pt-cv-ifield'><a href=\"https:\/\/www.dmsjuridica.com\/buscador_20179478954\/corteconstitucionalcronologico202454587\/t-1260-08\/\" class=\"_self pt-cv-href-thumbnail pt-cv-thumb-default\" target=\"_self\" ><\/a>\n<div class=\"pt-cv-taxoterm above_title\"><a href='https:\/\/www.dmsjuridica.com\/buscador_20179478954\/corteconstitucionalcronologico202454587\/category\/buscar-en-toda-la-corte\/2008\/tutelas-2008\/' title='Tutelas 2008' class='pt-cv-tax-tutelas-2008'>Tutelas 2008<\/a><\/div>\n<h4 class=\"pt-cv-title\"><a href=\"https:\/\/www.dmsjuridica.com\/buscador_20179478954\/corteconstitucionalcronologico202454587\/t-1260-08\/\" class=\"_self\" target=\"_self\" >T-1260-08<\/a><\/h4>\n<div class=\"pt-cv-content\">\u00a0 \u00a0 Sentencia T-1260\/08 \u00a0 ACCION DE TUTELA-Procedencia excepcional para protecci\u00f3n de derechos prestacionales \u00a0 ACCION DE TUTELA PARA RECONOCIMIENTO DE PENSION-Requisitos para su procedencia \u00a0 DERECHO AL MINIMO VITAL-Alcance \u00a0 DERECHO A LA SUSTITUCION PENSIONAL-Alcance \u00a0 DERECHO A LA SUSTITUCION PENSIONAL-Fundamental \u00a0 DERECHO A LA SUSTITUCION PENSIONAL-Aplicaci\u00f3n del contenido del Decreto 0095 de 1989 \u00a0 DERECHO A LA PENSION-Imprescriptibilidad, pero no as\u00ed las mesadas que de \u00e9l se derivan \u00a0 DERECHO A LA SUSTITUCION PENSIONAL-Deber de la Caja de Retiro de las Fuerzas Militares de reconocer como beneficiaria de la asignaci\u00f3n de retiro a la accionante conforme a lo ...<br \/><div class=\"pt-cv-rmwrap\"><a href=\"https:\/\/www.dmsjuridica.com\/buscador_20179478954\/corteconstitucionalcronologico202454587\/t-1260-08\/\" class=\"_self pt-cv-readmore btn btn-success\" target=\"_self\">Ver Sentencia Completa...<\/a><\/div><\/div><\/div><\/div>\n<div class=\"col-md-12 col-sm-12 col-xs-12 pt-cv-content-item pt-cv-1-col\" ><div class='pt-cv-ifield'><a href=\"https:\/\/www.dmsjuridica.com\/buscador_20179478954\/corteconstitucionalcronologico202454587\/t-126-08\/\" class=\"_self pt-cv-href-thumbnail pt-cv-thumb-default\" target=\"_self\" ><\/a>\n<div class=\"pt-cv-taxoterm above_title\"><a href='https:\/\/www.dmsjuridica.com\/buscador_20179478954\/corteconstitucionalcronologico202454587\/category\/buscar-en-toda-la-corte\/2008\/tutelas-2008\/' title='Tutelas 2008' class='pt-cv-tax-tutelas-2008'>Tutelas 2008<\/a><\/div>\n<h4 class=\"pt-cv-title\"><a href=\"https:\/\/www.dmsjuridica.com\/buscador_20179478954\/corteconstitucionalcronologico202454587\/t-126-08\/\" class=\"_self\" target=\"_self\" >T-126-08<\/a><\/h4>\n<div class=\"pt-cv-content\"> ...<br \/><div class=\"pt-cv-rmwrap\"><a href=\"https:\/\/www.dmsjuridica.com\/buscador_20179478954\/corteconstitucionalcronologico202454587\/t-126-08\/\" class=\"_self pt-cv-readmore btn btn-success\" target=\"_self\">Ver Sentencia Completa...<\/a><\/div><\/div><\/div><\/div>\n<div class=\"col-md-12 col-sm-12 col-xs-12 pt-cv-content-item pt-cv-1-col\" ><div class='pt-cv-ifield'><a href=\"https:\/\/www.dmsjuridica.com\/buscador_20179478954\/corteconstitucionalcronologico202454587\/t-1259-08\/\" class=\"_self pt-cv-href-thumbnail pt-cv-thumb-default\" target=\"_self\" ><\/a>\n<div class=\"pt-cv-taxoterm above_title\"><a href='https:\/\/www.dmsjuridica.com\/buscador_20179478954\/corteconstitucionalcronologico202454587\/category\/buscar-en-toda-la-corte\/2008\/tutelas-2008\/' title='Tutelas 2008' class='pt-cv-tax-tutelas-2008'>Tutelas 2008<\/a><\/div>\n<h4 class=\"pt-cv-title\"><a href=\"https:\/\/www.dmsjuridica.com\/buscador_20179478954\/corteconstitucionalcronologico202454587\/t-1259-08\/\" class=\"_self\" target=\"_self\" >T-1259-08<\/a><\/h4>\n<div class=\"pt-cv-content\">\u00a0 \u00a0 Sentencia T-1259\/08 \u00a0 ACCION DE TUTELA Y ACCION POPULAR-Alcance \u00a0 ACCION DE TUTELA-Improcedencia para proteger derechos colectivos \u00a0 ACCION DE TUTELA-Situaciones que deben presentarse para determinar su procedencia cuando se afectan derechos colectivos \u00a0 ACCION DE TUTELA Y ACCION POPULAR-Criterio para diferenciarlas no es la pluralidad de sujetos \u00a0 ACCION DE TUTELA-Requisitos adicionales para el solicitante que pretenda \u00a0la aplicaci\u00f3n en el caso de afectaci\u00f3n de un inter\u00e9s colectivo \u00a0 INTERES COLECTIVO-Procedencia excepcional de tutela \u00a0 LEGITIMACION POR ACTIVA EN TUTELA-Presupuestos \u00a0 ACCION DE TUTELA-Procedencia frente a personas determinadas o determinables\u00a0 \u00a0 DERECHO A LA EDUCACION-Doble connotaci\u00f3n \u00a0 ...<br \/><div class=\"pt-cv-rmwrap\"><a href=\"https:\/\/www.dmsjuridica.com\/buscador_20179478954\/corteconstitucionalcronologico202454587\/t-1259-08\/\" class=\"_self pt-cv-readmore btn btn-success\" target=\"_self\">Ver Sentencia Completa...<\/a><\/div><\/div><\/div><\/div>\n<div class=\"col-md-12 col-sm-12 col-xs-12 pt-cv-content-item pt-cv-1-col\" ><div class='pt-cv-ifield'><a href=\"https:\/\/www.dmsjuridica.com\/buscador_20179478954\/corteconstitucionalcronologico202454587\/t-1258-08\/\" class=\"_self pt-cv-href-thumbnail pt-cv-thumb-default\" target=\"_self\" ><\/a>\n<div class=\"pt-cv-taxoterm above_title\"><a href='https:\/\/www.dmsjuridica.com\/buscador_20179478954\/corteconstitucionalcronologico202454587\/category\/buscar-en-toda-la-corte\/2008\/tutelas-2008\/' title='Tutelas 2008' class='pt-cv-tax-tutelas-2008'>Tutelas 2008<\/a><\/div>\n<h4 class=\"pt-cv-title\"><a href=\"https:\/\/www.dmsjuridica.com\/buscador_20179478954\/corteconstitucionalcronologico202454587\/t-1258-08\/\" class=\"_self\" target=\"_self\" >T-1258-08<\/a><\/h4>\n<div class=\"pt-cv-content\">\u00a0 \u00a0 SENTENCIA T-1258\/08 \u00a0 (15 de Diciembre, Bogot\u00e1 DC) \u00a0 ACCION DE TUTELA CONTRA LA CORTE CONSTITUCIONAL Y LA SALA ADMINISTRATIVA DEL CONSEJO SUPERIOR DE LA JUDICATURA-Caso altura de ventanillas de atenci\u00f3n al p\u00fablico que tiene 1 metro con 18 cent\u00edmetros \u00a0 PERSONAS CON ENANISMO ESTAN LLAMADAS A ESPECIAL PROTECCION POR PARTE DEL ESTADO\u00a0 \u00a0 MODELO SOCIAL DE DISCAPACIDAD-Importancia \u00a0 ATENCION ESPECIAL A PERSONAS CON DISCAPACIDAD-Caso de personas con enanismo \u00a0 SITUACION ESPECIAL DE PERSONAS CON ENANISMO \u00a0 DEBATE INTERNACIONAL SOBRE LAS PERSONAS DE TALLA BAJA COMO PERSONAS CON DISCAPACIDAD \u00a0 PROTECCION INTERNACIONAL DE LAS PERSONAS DE TALLA BAJA ...<br \/><div class=\"pt-cv-rmwrap\"><a href=\"https:\/\/www.dmsjuridica.com\/buscador_20179478954\/corteconstitucionalcronologico202454587\/t-1258-08\/\" class=\"_self pt-cv-readmore btn btn-success\" target=\"_self\">Ver Sentencia Completa...<\/a><\/div><\/div><\/div><\/div>\n<div class=\"col-md-12 col-sm-12 col-xs-12 pt-cv-content-item pt-cv-1-col\" ><div class='pt-cv-ifield'><a href=\"https:\/\/www.dmsjuridica.com\/buscador_20179478954\/corteconstitucionalcronologico202454587\/t-1257-08\/\" class=\"_self pt-cv-href-thumbnail pt-cv-thumb-default\" target=\"_self\" ><\/a>\n<div class=\"pt-cv-taxoterm above_title\"><a href='https:\/\/www.dmsjuridica.com\/buscador_20179478954\/corteconstitucionalcronologico202454587\/category\/buscar-en-toda-la-corte\/2008\/tutelas-2008\/' title='Tutelas 2008' class='pt-cv-tax-tutelas-2008'>Tutelas 2008<\/a><\/div>\n<h4 class=\"pt-cv-title\"><a href=\"https:\/\/www.dmsjuridica.com\/buscador_20179478954\/corteconstitucionalcronologico202454587\/t-1257-08\/\" class=\"_self\" target=\"_self\" >T-1257-08<\/a><\/h4>\n<div class=\"pt-cv-content\">\u00a0 \u00a0 Sentencia T-1257\/08 \u00a0 ACCION DE TUTELA CONTRA PROVIDENCIAS JUDICIALES-Evoluci\u00f3n jurisprudencial \u00a0 ACCION DE TUTELA CONTRA PROVIDENCIAS JUDICIALES-Reemplazo de la expresi\u00f3n \"v\u00eda de hecho\" por la de \"causales gen\u00e9ricas de procedibilidad\" \u00a0 JUEZ DE TUTELA-El revisar decisi\u00f3n judicial no lo convierte en juez de instancia, ni puede llevarle a sustituir a quien lo es \u00a0 La Corte ha realzado que la circunstancia de que el juez de tutela pueda, por excepci\u00f3n, revisar una decisi\u00f3n judicial tildada de arbitraria, no lo convierte en juez de instancia, ni puede llevarle a sustituir a quien lo es. Como se consign\u00f3 en sentencia ...<br \/><div class=\"pt-cv-rmwrap\"><a href=\"https:\/\/www.dmsjuridica.com\/buscador_20179478954\/corteconstitucionalcronologico202454587\/t-1257-08\/\" class=\"_self pt-cv-readmore btn btn-success\" target=\"_self\">Ver Sentencia Completa...<\/a><\/div><\/div><\/div><\/div>\n<div class=\"col-md-12 col-sm-12 col-xs-12 pt-cv-content-item pt-cv-1-col\" ><div class='pt-cv-ifield'><a href=\"https:\/\/www.dmsjuridica.com\/buscador_20179478954\/corteconstitucionalcronologico202454587\/t-1256-08\/\" class=\"_self pt-cv-href-thumbnail pt-cv-thumb-default\" target=\"_self\" ><\/a>\n<div class=\"pt-cv-taxoterm above_title\"><a href='https:\/\/www.dmsjuridica.com\/buscador_20179478954\/corteconstitucionalcronologico202454587\/category\/buscar-en-toda-la-corte\/2008\/tutelas-2008\/' title='Tutelas 2008' class='pt-cv-tax-tutelas-2008'>Tutelas 2008<\/a><\/div>\n<h4 class=\"pt-cv-title\"><a href=\"https:\/\/www.dmsjuridica.com\/buscador_20179478954\/corteconstitucionalcronologico202454587\/t-1256-08\/\" class=\"_self\" target=\"_self\" >T-1256-08<\/a><\/h4>\n<div class=\"pt-cv-content\">\u00a0 \u00a0 Sentencia T-1256\/08 \u00a0 ACCION DE TUTELA CONTRA ACTO ADMINISTRATIVO DE DESVINCULACION-Improcedencia por no cumplimiento de las condiciones de la jurisprudencia constitucional para la procedencia de la acci\u00f3n de tutela por que en el acto de declaratoria de insubsistencia existe remisi\u00f3n al acta mediante la cual se adopt\u00f3 la decisi\u00f3n \u00a0 ACCION DE TUTELA CONTRA ACTO ADMINISTRATIVO DE DESVINCULACION-Improcedencia por cuanto la decisi\u00f3n no se debi\u00f3 al arbitrio del funcionario nominador puesto que la misma fue adoptada por un cuerpo colegiado \u00a0 Referencia: expediente T-2032679 \u00a0 Acci\u00f3n de tutela instaurada por Julio Cesar G\u00f3mez Bacca contra el Consejo de ...<br \/><div class=\"pt-cv-rmwrap\"><a href=\"https:\/\/www.dmsjuridica.com\/buscador_20179478954\/corteconstitucionalcronologico202454587\/t-1256-08\/\" class=\"_self pt-cv-readmore btn btn-success\" target=\"_self\">Ver Sentencia Completa...<\/a><\/div><\/div><\/div><\/div>\n<div class=\"col-md-12 col-sm-12 col-xs-12 pt-cv-content-item pt-cv-1-col\" ><div class='pt-cv-ifield'><a href=\"https:\/\/www.dmsjuridica.com\/buscador_20179478954\/corteconstitucionalcronologico202454587\/t-1255-08\/\" class=\"_self pt-cv-href-thumbnail pt-cv-thumb-default\" target=\"_self\" ><\/a>\n<div class=\"pt-cv-taxoterm above_title\"><a href='https:\/\/www.dmsjuridica.com\/buscador_20179478954\/corteconstitucionalcronologico202454587\/category\/buscar-en-toda-la-corte\/2008\/tutelas-2008\/' title='Tutelas 2008' class='pt-cv-tax-tutelas-2008'>Tutelas 2008<\/a><\/div>\n<h4 class=\"pt-cv-title\"><a href=\"https:\/\/www.dmsjuridica.com\/buscador_20179478954\/corteconstitucionalcronologico202454587\/t-1255-08\/\" class=\"_self\" target=\"_self\" >T-1255-08<\/a><\/h4>\n<div class=\"pt-cv-content\">\u00a0 \u00a0 Sentencia T-1255\/08 \u00a0 LICENCIA DE MATERNIDAD-Protecci\u00f3n constitucional a mujer gestante y reci\u00e9n nacido \u00a0 LICENCIA DE MATERNIDAD-Requisitos para el pago \u00a0 DERECHO AL MINIMO VITAL DE LA MADRE Y SU HIJO-Pago oportuno de licencia de maternidad \u00a0 LICENCIA DE MATERNIDAD-Presunci\u00f3n de vulneraci\u00f3n al m\u00ednimo vital cuando la madre devenga un salario m\u00ednimo o menos, o cuando \u00e9ste es su \u00fanica fuente de ingresos \u00a0 LICENCIA DE MATERNIDAD-Pago de la totalidad de la prestaci\u00f3n por cuanto la interrupci\u00f3n en los aportes a salud fue de menos de dos meses \u00a0 Referencia: expediente T-2008083 \u00a0 Acci\u00f3n de tutela instaurada por ...<br \/><div class=\"pt-cv-rmwrap\"><a href=\"https:\/\/www.dmsjuridica.com\/buscador_20179478954\/corteconstitucionalcronologico202454587\/t-1255-08\/\" class=\"_self pt-cv-readmore btn btn-success\" target=\"_self\">Ver Sentencia Completa...<\/a><\/div><\/div><\/div><\/div>\n<div class=\"col-md-12 col-sm-12 col-xs-12 pt-cv-content-item pt-cv-1-col\" ><div class='pt-cv-ifield'><a href=\"https:\/\/www.dmsjuridica.com\/buscador_20179478954\/corteconstitucionalcronologico202454587\/t-1254-08\/\" class=\"_self pt-cv-href-thumbnail pt-cv-thumb-default\" target=\"_self\" ><\/a>\n<div class=\"pt-cv-taxoterm above_title\"><a href='https:\/\/www.dmsjuridica.com\/buscador_20179478954\/corteconstitucionalcronologico202454587\/category\/buscar-en-toda-la-corte\/2008\/tutelas-2008\/' title='Tutelas 2008' class='pt-cv-tax-tutelas-2008'>Tutelas 2008<\/a><\/div>\n<h4 class=\"pt-cv-title\"><a href=\"https:\/\/www.dmsjuridica.com\/buscador_20179478954\/corteconstitucionalcronologico202454587\/t-1254-08\/\" class=\"_self\" target=\"_self\" >T-1254-08<\/a><\/h4>\n<div class=\"pt-cv-content\">\u00a0 \u00a0 Sentencia T-1254\/08 \u00a0 ACCION DE TUTELA-Inexistencia de temeridad para el caso \u00a0 DERECHO A LA SEGURIDAD PERSONAL-Concepto \u00a0 DERECHO A LA SEGURIDAD PERSONAL-Caracterizaci\u00f3n de los riesgos frente a los cuales se protege \u00a0 DERECHO A LA SEGURIDAD PERSONAL-Obligaciones constitucionales b\u00e1sicas de las autoridades para preservarlo \u00a0 DERECHO A LA SEGURIDAD PERSONAL-Niveles de riesgo \u00a0 DERECHO A LA SEGURIDAD PERSONAL-Deber del funcionario ante quien se haya puesto la presente situaci\u00f3n, de evaluar en el caso concreto la clase de riesgo que se presentan \u00a0 La Corte expres\u00f3 que \u201clas circunstancias en las cuales se puede invocar y hacer aplicable ...<br \/><div class=\"pt-cv-rmwrap\"><a href=\"https:\/\/www.dmsjuridica.com\/buscador_20179478954\/corteconstitucionalcronologico202454587\/t-1254-08\/\" class=\"_self pt-cv-readmore btn btn-success\" target=\"_self\">Ver Sentencia Completa...<\/a><\/div><\/div><\/div><\/div>\n<div class=\"col-md-12 col-sm-12 col-xs-12 pt-cv-content-item pt-cv-1-col\" ><div class='pt-cv-ifield'><a href=\"https:\/\/www.dmsjuridica.com\/buscador_20179478954\/corteconstitucionalcronologico202454587\/t-1253-08\/\" class=\"_self pt-cv-href-thumbnail pt-cv-thumb-default\" target=\"_self\" ><\/a>\n<div class=\"pt-cv-taxoterm above_title\"><a href='https:\/\/www.dmsjuridica.com\/buscador_20179478954\/corteconstitucionalcronologico202454587\/category\/buscar-en-toda-la-corte\/2008\/tutelas-2008\/' title='Tutelas 2008' class='pt-cv-tax-tutelas-2008'>Tutelas 2008<\/a><\/div>\n<h4 class=\"pt-cv-title\"><a href=\"https:\/\/www.dmsjuridica.com\/buscador_20179478954\/corteconstitucionalcronologico202454587\/t-1253-08\/\" class=\"_self\" target=\"_self\" >T-1253-08<\/a><\/h4>\n<div class=\"pt-cv-content\">\u00a0 \u00a0 Sentencia T-1253\/08 \u00a0 RESGUARDO INDIGENA-Conflicto en el resguardo ind\u00edgena Potrerito conformado por la comunidad ind\u00edgena de los Pijaos\u00a0 \u00a0 DERECHO A LA AUTONOMIA POLITICA DE COMUNIDAD INDIGENA-Derecho fundamental a gobernarse por autoridades propias, sin la interferencia de autoridades del Estado\u00a0 \u00a0 COMUNIDAD INDIGENA-Reconocimiento de la autonom\u00eda ind\u00edgena exige que, en principio, el Estado y por lo tanto el juez de tutela se abstenga de involucrarse en los conflictos internos \u00a0 El reconocimiento de la autonom\u00eda ind\u00edgena exige que, en principio, el Estado \u2013y por lo tanto el juez de tutela \u2013 se abstenga de involucrarse en los conflictos ...<br \/><div class=\"pt-cv-rmwrap\"><a href=\"https:\/\/www.dmsjuridica.com\/buscador_20179478954\/corteconstitucionalcronologico202454587\/t-1253-08\/\" class=\"_self pt-cv-readmore btn btn-success\" target=\"_self\">Ver Sentencia Completa...<\/a><\/div><\/div><\/div><\/div>\n<div class=\"col-md-12 col-sm-12 col-xs-12 pt-cv-content-item pt-cv-1-col\" ><div class='pt-cv-ifield'><a href=\"https:\/\/www.dmsjuridica.com\/buscador_20179478954\/corteconstitucionalcronologico202454587\/t-1252-08\/\" class=\"_self pt-cv-href-thumbnail pt-cv-thumb-default\" target=\"_self\" ><\/a>\n<div class=\"pt-cv-taxoterm above_title\"><a href='https:\/\/www.dmsjuridica.com\/buscador_20179478954\/corteconstitucionalcronologico202454587\/category\/buscar-en-toda-la-corte\/2008\/tutelas-2008\/' title='Tutelas 2008' class='pt-cv-tax-tutelas-2008'>Tutelas 2008<\/a><\/div>\n<h4 class=\"pt-cv-title\"><a href=\"https:\/\/www.dmsjuridica.com\/buscador_20179478954\/corteconstitucionalcronologico202454587\/t-1252-08\/\" class=\"_self\" target=\"_self\" >T-1252-08<\/a><\/h4>\n<div class=\"pt-cv-content\">\u00a0 \u00a0 Sentencia T-1252\/08 \u00a0 LICENCIA DE MATERNIDAD-Pago\u00a0 \u00a0 Referencia: expediente T-1840647 \u00a0 Acci\u00f3n de tutela instaurada por Luz Em\u00e9rida Sanabria Silva contra el Instituto de Seguros Sociales, seccional Boyac\u00e1. \u00a0 Magistrado Ponente: \u00a0 Dr. MANUEL JOS\u00c9 CEPEDA ESPINOSA \u00a0 Bogot\u00e1, D.C., doce (12) de diciembre de dos mil ocho (2008) \u00a0 La Sala Segunda de Revisi\u00f3n de la Corte Constitucional, integrada por los magistrados, Manuel Jos\u00e9 Cepeda Espinosa, Jaime C\u00f3rdoba Trivi\u00f1o y Rodrigo Escobar Gil, en ejercicio de sus competencias constitucionales y legales, ha proferido la siguiente \u00a0 SENTENCIA \u00a0 en el proceso de revisi\u00f3n del fallo proferido, en ...<br \/><div class=\"pt-cv-rmwrap\"><a href=\"https:\/\/www.dmsjuridica.com\/buscador_20179478954\/corteconstitucionalcronologico202454587\/t-1252-08\/\" class=\"_self pt-cv-readmore btn btn-success\" target=\"_self\">Ver Sentencia Completa...<\/a><\/div><\/div><\/div><\/div>\n<div class=\"col-md-12 col-sm-12 col-xs-12 pt-cv-content-item pt-cv-1-col\" ><div class='pt-cv-ifield'><a href=\"https:\/\/www.dmsjuridica.com\/buscador_20179478954\/corteconstitucionalcronologico202454587\/t-1251-08\/\" class=\"_self pt-cv-href-thumbnail pt-cv-thumb-default\" target=\"_self\" ><\/a>\n<div class=\"pt-cv-taxoterm above_title\"><a href='https:\/\/www.dmsjuridica.com\/buscador_20179478954\/corteconstitucionalcronologico202454587\/category\/buscar-en-toda-la-corte\/2008\/tutelas-2008\/' title='Tutelas 2008' class='pt-cv-tax-tutelas-2008'>Tutelas 2008<\/a><\/div>\n<h4 class=\"pt-cv-title\"><a href=\"https:\/\/www.dmsjuridica.com\/buscador_20179478954\/corteconstitucionalcronologico202454587\/t-1251-08\/\" class=\"_self\" target=\"_self\" >T-1251-08<\/a><\/h4>\n<div class=\"pt-cv-content\">\u00a0 \u00a0 Sentencia T-1251\/08 \u00a0 PENSION DE JUBILACION-Mantenimiento del poder adquisitivo de las mesadas \u00a0 DERECHOS DEL PENSIONADO A MANTENER EL PODER ADQUISITIVO DE LA MESADA-Car\u00e1cter fundamental \u00a0 DERECHO DE PETICION-T\u00e9rmino para resolver reconocimiento de pensi\u00f3n de vejez \u00a0 INDEXACION DE LA PRIMERA MESADA PENSIONAL-Pensiones causadas en vigencia del art. 8 ley 171\/61 cuya exigibilidad se produce despu\u00e9s de la Constituci\u00f3n de 1991 \u00a0 ACCION DE TUTELA-Reliquidaci\u00f3n de la primera mesada pensional a partir de su reconocimiento \u00a0 Referencia: expediente T-1.955.763\u00a0 \u00a0 Acci\u00f3n de tutela de Jos\u00e9 del Carmen Alsina Herrera contra el Ministerio de Transporte \u00a0 Magistrado Ponente: \u00a0 ...<br \/><div class=\"pt-cv-rmwrap\"><a href=\"https:\/\/www.dmsjuridica.com\/buscador_20179478954\/corteconstitucionalcronologico202454587\/t-1251-08\/\" class=\"_self pt-cv-readmore btn btn-success\" target=\"_self\">Ver Sentencia Completa...<\/a><\/div><\/div><\/div><\/div>\n<div class=\"col-md-12 col-sm-12 col-xs-12 pt-cv-content-item pt-cv-1-col\" ><div class='pt-cv-ifield'><a href=\"https:\/\/www.dmsjuridica.com\/buscador_20179478954\/corteconstitucionalcronologico202454587\/t-1250-08\/\" class=\"_self pt-cv-href-thumbnail pt-cv-thumb-default\" target=\"_self\" ><\/a>\n<div class=\"pt-cv-taxoterm above_title\"><a href='https:\/\/www.dmsjuridica.com\/buscador_20179478954\/corteconstitucionalcronologico202454587\/category\/buscar-en-toda-la-corte\/2008\/tutelas-2008\/' title='Tutelas 2008' class='pt-cv-tax-tutelas-2008'>Tutelas 2008<\/a><\/div>\n<h4 class=\"pt-cv-title\"><a href=\"https:\/\/www.dmsjuridica.com\/buscador_20179478954\/corteconstitucionalcronologico202454587\/t-1250-08\/\" class=\"_self\" target=\"_self\" >T-1250-08<\/a><\/h4>\n<div class=\"pt-cv-content\">Referencia expediente T-2001276 \u00a0 Accionante:\u00a0 \u00a0 Jorge Iv\u00e1n Velez Correa \u00a0 Demandado:\u00a0 \u00a0 Ips Universitaria Servicios De Salud Universidad De Antioquia. \u00a0 Magistrado Ponente:\u00a0 \u00a0 Dr. JAIME C\u00d3RDOBA TRIVI\u00d1O \u00a0 Bogot\u00e1, D.C., diciembre \u00a0doce \u00a0( 12 ) de dos mil ocho ( 2008). \u00a0 La Sala Tercera Revisi\u00f3n de la Corte Constitucional, conformada por los Magistrados Jaime C\u00f3rdoba Trivi\u00f1o, Rodrigo Escobar Gil y Mauricio Gonz\u00e1lez Cuervo, en ejercicio de sus competencias constitucionales y legales, ha proferido la siguiente, \u00a0 SENTENCIA \u00a0 en el proceso de revisi\u00f3n de los fallos de tutela proferidos por el Juzgado Quinto Penal Municipal con funciones ...<br \/><div class=\"pt-cv-rmwrap\"><a href=\"https:\/\/www.dmsjuridica.com\/buscador_20179478954\/corteconstitucionalcronologico202454587\/t-1250-08\/\" class=\"_self pt-cv-readmore btn btn-success\" target=\"_self\">Ver Sentencia Completa...<\/a><\/div><\/div><\/div><\/div>\n<div class=\"col-md-12 col-sm-12 col-xs-12 pt-cv-content-item pt-cv-1-col\" ><div class='pt-cv-ifield'><a href=\"https:\/\/www.dmsjuridica.com\/buscador_20179478954\/corteconstitucionalcronologico202454587\/t-125-08\/\" class=\"_self pt-cv-href-thumbnail pt-cv-thumb-default\" target=\"_self\" ><\/a>\n<div class=\"pt-cv-taxoterm above_title\"><a href='https:\/\/www.dmsjuridica.com\/buscador_20179478954\/corteconstitucionalcronologico202454587\/category\/buscar-en-toda-la-corte\/2008\/tutelas-2008\/' title='Tutelas 2008' class='pt-cv-tax-tutelas-2008'>Tutelas 2008<\/a><\/div>\n<h4 class=\"pt-cv-title\"><a href=\"https:\/\/www.dmsjuridica.com\/buscador_20179478954\/corteconstitucionalcronologico202454587\/t-125-08\/\" class=\"_self\" target=\"_self\" >T-125-08<\/a><\/h4>\n<div class=\"pt-cv-content\">\u00a0 \u00a0 Sentencia T-125\/08 \u00a0 MEDIO DE DEFENSA JUDICIAL-Eficacia \u00a0 DERECHO A LA VIVIENDA DIGNA-Fundamental por conexidad \u00a0 ACCION DE TUTELA-Procedencia\/MEDIO DE DEFENSA JUDICIAL-Apreciaci\u00f3n por el juez constitucional en relaci\u00f3n con los derechos fundamentales \u00a0 DERECHO A LA VIVIENDA DIGNA-Estudio de las causas jur\u00eddico-materiales que rodean cada caso en particular \u00a0 Al pretenderse el amparo del derecho a una vivienda digna, se hace necesario el estudio de las causas jur\u00eddico-materiales que rodean cada caso en particular, con respecto a: i) la inminencia del peligro; (ii) la existencia de sujetos de especial protecci\u00f3n que se encuentren en riesgo; (iii) la afectaci\u00f3n ...<br \/><div class=\"pt-cv-rmwrap\"><a href=\"https:\/\/www.dmsjuridica.com\/buscador_20179478954\/corteconstitucionalcronologico202454587\/t-125-08\/\" class=\"_self pt-cv-readmore btn btn-success\" target=\"_self\">Ver Sentencia Completa...<\/a><\/div><\/div><\/div><\/div>\n<div class=\"col-md-12 col-sm-12 col-xs-12 pt-cv-content-item pt-cv-1-col\" ><div class='pt-cv-ifield'><a href=\"https:\/\/www.dmsjuridica.com\/buscador_20179478954\/corteconstitucionalcronologico202454587\/t-1249-08\/\" class=\"_self pt-cv-href-thumbnail pt-cv-thumb-default\" target=\"_self\" ><\/a>\n<div class=\"pt-cv-taxoterm above_title\"><a href='https:\/\/www.dmsjuridica.com\/buscador_20179478954\/corteconstitucionalcronologico202454587\/category\/buscar-en-toda-la-corte\/2008\/tutelas-2008\/' title='Tutelas 2008' class='pt-cv-tax-tutelas-2008'>Tutelas 2008<\/a><\/div>\n<h4 class=\"pt-cv-title\"><a href=\"https:\/\/www.dmsjuridica.com\/buscador_20179478954\/corteconstitucionalcronologico202454587\/t-1249-08\/\" class=\"_self\" target=\"_self\" >T-1249-08<\/a><\/h4>\n<div class=\"pt-cv-content\">\u00a0 \u00a0 Sentencia T-1249\/08 \u00a0 \u00a0 \u00a0 \u00a0 \u00a0 \u00a0 ACCION DE TUTELA-Procedencia excepcional para reconocimiento de derechos pensionales \u00a0 ACCION DE TUTELA-Factores a valorar para la procedencia como mecanismo transitorio para evitar un perjuicio irremediable \u00a0 En tal sentido, en sentencia T-083\/04 esta Corporaci\u00f3n concluy\u00f3 que para la procedencia de la acci\u00f3n de tutela como mecanismo transitorio, en un caso como el estudiado es necesario valorar los siguientes factores: \u201c(...)(i) la edad para ser considerado sujeto especial de protecci\u00f3n; (ii) la condici\u00f3n f\u00edsica, econ\u00f3mica o mental; (iii) el grado de afectaci\u00f3n de los derechos fundamentales, en particular del derecho ...<br \/><div class=\"pt-cv-rmwrap\"><a href=\"https:\/\/www.dmsjuridica.com\/buscador_20179478954\/corteconstitucionalcronologico202454587\/t-1249-08\/\" class=\"_self pt-cv-readmore btn btn-success\" target=\"_self\">Ver Sentencia Completa...<\/a><\/div><\/div><\/div><\/div>\n<div class=\"col-md-12 col-sm-12 col-xs-12 pt-cv-content-item pt-cv-1-col\" ><div class='pt-cv-ifield'><a href=\"https:\/\/www.dmsjuridica.com\/buscador_20179478954\/corteconstitucionalcronologico202454587\/t-1248-08\/\" class=\"_self pt-cv-href-thumbnail pt-cv-thumb-default\" target=\"_self\" ><\/a>\n<div class=\"pt-cv-taxoterm above_title\"><a href='https:\/\/www.dmsjuridica.com\/buscador_20179478954\/corteconstitucionalcronologico202454587\/category\/buscar-en-toda-la-corte\/2008\/tutelas-2008\/' title='Tutelas 2008' class='pt-cv-tax-tutelas-2008'>Tutelas 2008<\/a><\/div>\n<h4 class=\"pt-cv-title\"><a href=\"https:\/\/www.dmsjuridica.com\/buscador_20179478954\/corteconstitucionalcronologico202454587\/t-1248-08\/\" class=\"_self\" target=\"_self\" >T-1248-08<\/a><\/h4>\n<div class=\"pt-cv-content\">\u00a0 \u00a0 Sentencia T-1248\/08 \u00a0 SUJETOS DE ESPECIAL PROTECCION CONSTITUCIONAL-Personas con limitaciones f\u00edsicas, funcionales, ps\u00edquicas y sensoriales \u00a0 COMITE DE DERECHOS ECONOMICOS, SOCIALES Y CULTURALES DE LAS NACIONES UNIDAS-Derechos de las personas con limitaciones f\u00edsicas, funcionales, ps\u00edquicas y sensoriales\u00a0 \u00a0 La Observaci\u00f3n General No. 5 sobre los derechos de las personas con limitaciones f\u00edsicas, funcionales, ps\u00edquicas y sensoriales, emitida por el Comit\u00e9 de Derechos Econ\u00f3micos, Sociales y Culturales establece, por ejemplo, que estas personas han de ser protegidas y promovidas mediante programas y leyes generales, as\u00ed como por medio de programas y normatividades de finalidad espec\u00edfica. De esta manera, surge ...<br \/><div class=\"pt-cv-rmwrap\"><a href=\"https:\/\/www.dmsjuridica.com\/buscador_20179478954\/corteconstitucionalcronologico202454587\/t-1248-08\/\" class=\"_self pt-cv-readmore btn btn-success\" target=\"_self\">Ver Sentencia Completa...<\/a><\/div><\/div><\/div><\/div>\n<div class=\"col-md-12 col-sm-12 col-xs-12 pt-cv-content-item pt-cv-1-col\" ><div class='pt-cv-ifield'><a href=\"https:\/\/www.dmsjuridica.com\/buscador_20179478954\/corteconstitucionalcronologico202454587\/t-1247-08\/\" class=\"_self pt-cv-href-thumbnail pt-cv-thumb-default\" target=\"_self\" ><\/a>\n<div class=\"pt-cv-taxoterm above_title\"><a href='https:\/\/www.dmsjuridica.com\/buscador_20179478954\/corteconstitucionalcronologico202454587\/category\/buscar-en-toda-la-corte\/2008\/tutelas-2008\/' title='Tutelas 2008' class='pt-cv-tax-tutelas-2008'>Tutelas 2008<\/a><\/div>\n<h4 class=\"pt-cv-title\"><a href=\"https:\/\/www.dmsjuridica.com\/buscador_20179478954\/corteconstitucionalcronologico202454587\/t-1247-08\/\" class=\"_self\" target=\"_self\" >T-1247-08<\/a><\/h4>\n<div class=\"pt-cv-content\">\u00a0 \u00a0 Sentencia T-1247\/08 \u00a0 Referencia: expediente T- 1.973.623 \u00a0 Acci\u00f3n de tutela instaurada por Luis Humberto Rojas Virguez, en representaci\u00f3n de sus hijos Ever Antonio Rojas Garc\u00eda y Diego Fernando Rojas Garc\u00eda, contra Polic\u00eda Nacional \u201cCASUR\u201d. \u00a0 Magistrado Ponente: \u00a0 Dr. HUMBERTO ANTONIO SIERRA PORTO \u00a0 Bogot\u00e1, D. C., once (11) de diciembre de dos mil ocho (2008). \u00a0 La Sala Octava de Revisi\u00f3n de la Corte Constitucional, integrada por los Magistrados Humberto Antonio Sierra Porto, quien la preside, Jaime Araujo Renter\u00eda y Clara In\u00e9s Vargas Hern\u00e1ndez, en ejercicio de sus competencias constitucionales y legales, espec\u00edficamente las previstas en ...<br \/><div class=\"pt-cv-rmwrap\"><a href=\"https:\/\/www.dmsjuridica.com\/buscador_20179478954\/corteconstitucionalcronologico202454587\/t-1247-08\/\" class=\"_self pt-cv-readmore btn btn-success\" target=\"_self\">Ver Sentencia Completa...<\/a><\/div><\/div><\/div><\/div>\n<div class=\"col-md-12 col-sm-12 col-xs-12 pt-cv-content-item pt-cv-1-col\" ><div class='pt-cv-ifield'><a href=\"https:\/\/www.dmsjuridica.com\/buscador_20179478954\/corteconstitucionalcronologico202454587\/t-1246-08\/\" class=\"_self pt-cv-href-thumbnail pt-cv-thumb-default\" target=\"_self\" ><\/a>\n<div class=\"pt-cv-taxoterm above_title\"><a href='https:\/\/www.dmsjuridica.com\/buscador_20179478954\/corteconstitucionalcronologico202454587\/category\/buscar-en-toda-la-corte\/2008\/tutelas-2008\/' title='Tutelas 2008' class='pt-cv-tax-tutelas-2008'>Tutelas 2008<\/a><\/div>\n<h4 class=\"pt-cv-title\"><a href=\"https:\/\/www.dmsjuridica.com\/buscador_20179478954\/corteconstitucionalcronologico202454587\/t-1246-08\/\" class=\"_self\" target=\"_self\" >T-1246-08<\/a><\/h4>\n<div class=\"pt-cv-content\">\u00a0 \u00a0 Sentencia T-1246\/08 \u00a0 Referencia: expediente T-1.797.075 \u00a0 Acci\u00f3n de tutela instaurada por Juan Jos\u00e9 Garc\u00eda Romero contra la Sala de Casaci\u00f3n Penal de la Corte Suprema de Justicia.\u00a0 \u00a0 Magistrado Ponente: \u00a0 Dr. HUMBERTO ANTONIO SIERRA PORTO \u00a0 Bogot\u00e1 D. C., once (11) de diciembre de dos mil ocho (2008). \u00a0 La Sala Octava de Revisi\u00f3n de la Corte Constitucional integrada por los Magistrados Clara In\u00e9s Vargas Hern\u00e1ndez, Jaime Araujo Renter\u00eda \u00a0y Humberto Antonio Sierra Porto, quien la preside, en ejercicio de sus competencias constitucionales y legales, espec\u00edficamente las previstas en los art\u00edculos 86 y 241 numeral 9\u00ba ...<br \/><div class=\"pt-cv-rmwrap\"><a href=\"https:\/\/www.dmsjuridica.com\/buscador_20179478954\/corteconstitucionalcronologico202454587\/t-1246-08\/\" class=\"_self pt-cv-readmore btn btn-success\" target=\"_self\">Ver Sentencia Completa...<\/a><\/div><\/div><\/div><\/div>\n<div class=\"col-md-12 col-sm-12 col-xs-12 pt-cv-content-item pt-cv-1-col\" ><div class='pt-cv-ifield'><a href=\"https:\/\/www.dmsjuridica.com\/buscador_20179478954\/corteconstitucionalcronologico202454587\/t-1245-08\/\" class=\"_self pt-cv-href-thumbnail pt-cv-thumb-default\" target=\"_self\" ><\/a>\n<div class=\"pt-cv-taxoterm above_title\"><a href='https:\/\/www.dmsjuridica.com\/buscador_20179478954\/corteconstitucionalcronologico202454587\/category\/buscar-en-toda-la-corte\/2008\/tutelas-2008\/' title='Tutelas 2008' class='pt-cv-tax-tutelas-2008'>Tutelas 2008<\/a><\/div>\n<h4 class=\"pt-cv-title\"><a href=\"https:\/\/www.dmsjuridica.com\/buscador_20179478954\/corteconstitucionalcronologico202454587\/t-1245-08\/\" class=\"_self\" target=\"_self\" >T-1245-08<\/a><\/h4>\n<div class=\"pt-cv-content\">\u00a0 \u00a0 Sentencia T-1245\/08 \u00a0 DERECHO A LA ESTABILIDAD LABORAL REFORZADA DE MUJER EMBARAZADA-Fundamental \u00a0 DERECHO A LA ESTABILIDAD LABORAL REFORZADA DE MUJER EMBARAZADA-Autorizaci\u00f3n previa del funcionario de trabajo \u00a0 DERECHO A LA ESTABILIDAD LABORAL REFORZADA DE MUJER EMBARAZADA-Condiciones especiales para que proceda protecci\u00f3n \u00a0 DERECHO A LA ESTABILIDAD LABORAL REFORZADA DE MUJER EMBARAZADA-Es aplicable a todas las trabajadoras sin importar la relaci\u00f3n laboral que se tenga o la modalidad del contrato \u00a0 DERECHO A LA ESTABILIDAD LABORAL REFORZADA EN CONTRATO A TERMINO FIJO-El vencimiento del plazo pactado no basta para dar por terminado el contrato por parte del empleador ...<br \/><div class=\"pt-cv-rmwrap\"><a href=\"https:\/\/www.dmsjuridica.com\/buscador_20179478954\/corteconstitucionalcronologico202454587\/t-1245-08\/\" class=\"_self pt-cv-readmore btn btn-success\" target=\"_self\">Ver Sentencia Completa...<\/a><\/div><\/div><\/div><\/div>\n<div class=\"col-md-12 col-sm-12 col-xs-12 pt-cv-content-item pt-cv-1-col\" ><div class='pt-cv-ifield'><a href=\"https:\/\/www.dmsjuridica.com\/buscador_20179478954\/corteconstitucionalcronologico202454587\/t-1244-08\/\" class=\"_self pt-cv-href-thumbnail pt-cv-thumb-default\" target=\"_self\" ><\/a>\n<div class=\"pt-cv-taxoterm above_title\"><a href='https:\/\/www.dmsjuridica.com\/buscador_20179478954\/corteconstitucionalcronologico202454587\/category\/buscar-en-toda-la-corte\/2008\/tutelas-2008\/' title='Tutelas 2008' class='pt-cv-tax-tutelas-2008'>Tutelas 2008<\/a><\/div>\n<h4 class=\"pt-cv-title\"><a href=\"https:\/\/www.dmsjuridica.com\/buscador_20179478954\/corteconstitucionalcronologico202454587\/t-1244-08\/\" class=\"_self\" target=\"_self\" >T-1244-08<\/a><\/h4>\n<div class=\"pt-cv-content\">\u00a0 \u00a0 Sentencia T-1244\/08 \u00a0 ACCION DE TUTELA-Procedencia excepcional para ordenar reconocimiento de pensiones\u00a0 \u00a0 DERECHO A LA PENSION DE VEJEZ-Razones que justifica orden de reconocimiento a persona de la tercera edad \u00a0 PRESUNCION DE VERACIDAD EN TUTELA-Aplicaci\u00f3n por no rendici\u00f3n de informe \u00a0 PENSION DE SOBREVIVIENTES-Alcance \u00a0 PENSION DE SOBREVIVIENTES-Naturaleza \u00a0 DERECHO A LA PENSION DE SOBREVIVIENTES-Fundamental \u00a0 EMPLEADOR-Asunci\u00f3n de responsabilidad por mora en aportes a seguridad social \u00a0 ENTIDAD ADMINISTRADORA DE PENSIONES-Debe exigir al patrono la cancelaci\u00f3n de aportes \u00a0 ACCION DE TUTELA CONTRA SEGURO SOCIAL-Orden de expedici\u00f3n de un nuevo acto administrativo en el que se tenga ...<br \/><div class=\"pt-cv-rmwrap\"><a href=\"https:\/\/www.dmsjuridica.com\/buscador_20179478954\/corteconstitucionalcronologico202454587\/t-1244-08\/\" class=\"_self pt-cv-readmore btn btn-success\" target=\"_self\">Ver Sentencia Completa...<\/a><\/div><\/div><\/div><\/div>\n<div class=\"col-md-12 col-sm-12 col-xs-12 pt-cv-content-item pt-cv-1-col\" ><div class='pt-cv-ifield'><a href=\"https:\/\/www.dmsjuridica.com\/buscador_20179478954\/corteconstitucionalcronologico202454587\/t-1243-08\/\" class=\"_self pt-cv-href-thumbnail pt-cv-thumb-default\" target=\"_self\" ><\/a>\n<div class=\"pt-cv-taxoterm above_title\"><a href='https:\/\/www.dmsjuridica.com\/buscador_20179478954\/corteconstitucionalcronologico202454587\/category\/buscar-en-toda-la-corte\/2008\/tutelas-2008\/' title='Tutelas 2008' class='pt-cv-tax-tutelas-2008'>Tutelas 2008<\/a><\/div>\n<h4 class=\"pt-cv-title\"><a href=\"https:\/\/www.dmsjuridica.com\/buscador_20179478954\/corteconstitucionalcronologico202454587\/t-1243-08\/\" class=\"_self\" target=\"_self\" >T-1243-08<\/a><\/h4>\n<div class=\"pt-cv-content\">\u00a0 \u00a0 Sentencia T-1243\/08 \u00a0 DERECHO A LA SALUD-Deberes de los jueces de tutela individuales o colegiados de resolver los problemas jur\u00eddicos que en materia de derecho a la salud les sean sometidos a su consideraci\u00f3n \u00a0 SISTEMA DE SEGURIDAD SOCIAL EN SALUD-Equilibrio estructural \u00a0 PLAN OBLIGATORIO DE SALUD-Prestaci\u00f3n de servicios excluidos por prevalencia de derechos fundamentales \u00a0 PACTO INTERNACIONAL DE DERECHOS ECONOMICOS, SOCIALES Y CULTURALES-\u201cReconoce el derecho de toda persona al disfrute del mas alto nivel posible de salud f\u00edsica y mental\u201d \u00a0 COMITE DE DERECHOS ECONOMICOS, SOCIALES Y CULTURALES DE LAS NACIONES UNIDAS-Elementos esenciales e interrelacionados del derecho ...<br \/><div class=\"pt-cv-rmwrap\"><a href=\"https:\/\/www.dmsjuridica.com\/buscador_20179478954\/corteconstitucionalcronologico202454587\/t-1243-08\/\" class=\"_self pt-cv-readmore btn btn-success\" target=\"_self\">Ver Sentencia Completa...<\/a><\/div><\/div><\/div><\/div>\n<div class=\"col-md-12 col-sm-12 col-xs-12 pt-cv-content-item pt-cv-1-col\" ><div class='pt-cv-ifield'><a href=\"https:\/\/www.dmsjuridica.com\/buscador_20179478954\/corteconstitucionalcronologico202454587\/t-1242-08\/\" class=\"_self pt-cv-href-thumbnail pt-cv-thumb-default\" target=\"_self\" ><\/a>\n<div class=\"pt-cv-taxoterm above_title\"><a href='https:\/\/www.dmsjuridica.com\/buscador_20179478954\/corteconstitucionalcronologico202454587\/category\/buscar-en-toda-la-corte\/2008\/tutelas-2008\/' title='Tutelas 2008' class='pt-cv-tax-tutelas-2008'>Tutelas 2008<\/a><\/div>\n<h4 class=\"pt-cv-title\"><a href=\"https:\/\/www.dmsjuridica.com\/buscador_20179478954\/corteconstitucionalcronologico202454587\/t-1242-08\/\" class=\"_self\" target=\"_self\" >T-1242-08<\/a><\/h4>\n<div class=\"pt-cv-content\">\u00a0 \u00a0 Sentencia T-1242\/08 \u00a0 PERSONERO MUNICIPAL-Legitimaci\u00f3n para interponer tutela\u00a0 \u00a0 ACCION DE TUTELA-Procedencia excepcional para el pago de incapacidades laborales\u00a0 \u00a0 INCAPACIDAD MEDICA-Pago sustituye salario \u00a0 ACCION DE TUTELA-Razones de la procedencia excepcional para el pago de incapacidades laborales \u00a0 INCAPACIDAD LABORAL-Se suspende ante la declaraci\u00f3n de incapacidad permanente parcial \u00a0 ACCION DE TUTELA-Improcedencia ante el no pago de incapacidades laborales posterior a la configuraci\u00f3n de la calificaci\u00f3n de una incapacidad permanente o invalidez, cuando no se presenta o se prueba la configuraci\u00f3n de un perjuicio irremediable\u00a0 \u00a0 INCAPACIDAD LABORAL-No pago por existir discusi\u00f3n de tipo pecuniario y legal ...<br \/><div class=\"pt-cv-rmwrap\"><a href=\"https:\/\/www.dmsjuridica.com\/buscador_20179478954\/corteconstitucionalcronologico202454587\/t-1242-08\/\" class=\"_self pt-cv-readmore btn btn-success\" target=\"_self\">Ver Sentencia Completa...<\/a><\/div><\/div><\/div><\/div>\n<div class=\"col-md-12 col-sm-12 col-xs-12 pt-cv-content-item pt-cv-1-col\" ><div class='pt-cv-ifield'><a href=\"https:\/\/www.dmsjuridica.com\/buscador_20179478954\/corteconstitucionalcronologico202454587\/t-1241-08\/\" class=\"_self pt-cv-href-thumbnail pt-cv-thumb-default\" target=\"_self\" ><\/a>\n<div class=\"pt-cv-taxoterm above_title\"><a href='https:\/\/www.dmsjuridica.com\/buscador_20179478954\/corteconstitucionalcronologico202454587\/category\/buscar-en-toda-la-corte\/2008\/tutelas-2008\/' title='Tutelas 2008' class='pt-cv-tax-tutelas-2008'>Tutelas 2008<\/a><\/div>\n<h4 class=\"pt-cv-title\"><a href=\"https:\/\/www.dmsjuridica.com\/buscador_20179478954\/corteconstitucionalcronologico202454587\/t-1241-08\/\" class=\"_self\" target=\"_self\" >T-1241-08<\/a><\/h4>\n<div class=\"pt-cv-content\">\u00a0 \u00a0 Sentencia T-1241\/08 \u00a0 ACCION DE TUTELA-Procedencia excepcional pago de acreencias laborales \u00a0 ACCION DE TUTELA-Criterios para admitir procedencia excepcional pago de acreencias laborales \u00a0 PENSION DE SOBREVIVIENTES-Objetivo\/PENSION DE SOBREVIVIENTES-Naturaleza \u00a0 DERECHO A LA PENSION DE SOBREVIVIENTES-Fundamental \u00a0 PENSION DE SOBREVIVIENTES EN PAREJAS HOMOSEXUALES-Reconocimiento no incide en sostenibilidad del sistema \u00a0 La Corte aclar\u00f3 que no es cierto que la extensi\u00f3n de los beneficios de la pensi\u00f3n de sobreviviente a las parejas del mismo sexo conllevara el desequilibrio financiero del sistema. Al contrario -aclar\u00f3- la ampliaci\u00f3n de la protecci\u00f3n se hace efectiva a partir del ajuste constitucional que se ...<br \/><div class=\"pt-cv-rmwrap\"><a href=\"https:\/\/www.dmsjuridica.com\/buscador_20179478954\/corteconstitucionalcronologico202454587\/t-1241-08\/\" class=\"_self pt-cv-readmore btn btn-success\" target=\"_self\">Ver Sentencia Completa...<\/a><\/div><\/div><\/div><\/div>\n<div class=\"col-md-12 col-sm-12 col-xs-12 pt-cv-content-item pt-cv-1-col\" ><div class='pt-cv-ifield'><a href=\"https:\/\/www.dmsjuridica.com\/buscador_20179478954\/corteconstitucionalcronologico202454587\/t-1240-08\/\" class=\"_self pt-cv-href-thumbnail pt-cv-thumb-default\" target=\"_self\" ><\/a>\n<div class=\"pt-cv-taxoterm above_title\"><a href='https:\/\/www.dmsjuridica.com\/buscador_20179478954\/corteconstitucionalcronologico202454587\/category\/buscar-en-toda-la-corte\/2008\/tutelas-2008\/' title='Tutelas 2008' class='pt-cv-tax-tutelas-2008'>Tutelas 2008<\/a><\/div>\n<h4 class=\"pt-cv-title\"><a href=\"https:\/\/www.dmsjuridica.com\/buscador_20179478954\/corteconstitucionalcronologico202454587\/t-1240-08\/\" class=\"_self\" target=\"_self\" >T-1240-08<\/a><\/h4>\n<div class=\"pt-cv-content\">\u00a0 \u00a0 Sentencia T-1240\/08 \u00a0 MEDIO DE DEFENSA JUDICIAL EFICAZ-Alcance\u00a0 \u00a0 ACCION DE TUTELA CONTRA PROVIDENCIAS JUDICIALES-L\u00ednea jurisprudencial \u00a0 ACCION DE TUTELA CONTRA PROVIDENCIAS JUDICIALES-Criterios de procedibilidad \u00a0 ACCION DE TUTELA CONTRA PROVIDENCIAS JUDICIALES-Clases de defectos \u00a0 ACCION DE TUTELA CONTRA PROVIDENCIAS JUDICIALES-Desconocimiento del precedente constitucional \u00a0 ACCION DE TUTELA-Extensi\u00f3n de los efectos generales de la SU.813\/07 al caso concreto \u00a0 \u00a0 Referencia: expediente T-1986547 \u00a0 Acci\u00f3n de tutela interpuesta por Jairo Luis Polan\u00eda Carrizosa y Hayde Sabogal Portela contra el Juzgado Segundo (2\u00ba) Civil del Circuito de Espinal y el Banco Colmena S.A. -hoy BCSC S.A.-. \u00a0 Magistrada Ponente: ...<br \/><div class=\"pt-cv-rmwrap\"><a href=\"https:\/\/www.dmsjuridica.com\/buscador_20179478954\/corteconstitucionalcronologico202454587\/t-1240-08\/\" class=\"_self pt-cv-readmore btn btn-success\" target=\"_self\">Ver Sentencia Completa...<\/a><\/div><\/div><\/div><\/div>\n<div class=\"col-md-12 col-sm-12 col-xs-12 pt-cv-content-item pt-cv-1-col\" ><div class='pt-cv-ifield'><a href=\"https:\/\/www.dmsjuridica.com\/buscador_20179478954\/corteconstitucionalcronologico202454587\/t-124-08\/\" class=\"_self pt-cv-href-thumbnail pt-cv-thumb-default\" target=\"_self\" ><\/a>\n<div class=\"pt-cv-taxoterm above_title\"><a href='https:\/\/www.dmsjuridica.com\/buscador_20179478954\/corteconstitucionalcronologico202454587\/category\/buscar-en-toda-la-corte\/2008\/tutelas-2008\/' title='Tutelas 2008' class='pt-cv-tax-tutelas-2008'>Tutelas 2008<\/a><\/div>\n<h4 class=\"pt-cv-title\"><a href=\"https:\/\/www.dmsjuridica.com\/buscador_20179478954\/corteconstitucionalcronologico202454587\/t-124-08\/\" class=\"_self\" target=\"_self\" >T-124-08<\/a><\/h4>\n<div class=\"pt-cv-content\">\u00a0 \u00a0 Sentencia T-124\/08 \u00a0 DERECHO A LA SEGURIDAD SOCIAL DE COMPA\u00d1ERA PERMANENTE-Orden de incluirla como beneficiaria de pensionado por cuanto el demandante ha agotado todos los mecanismos existentes y exigidos por la demandada \u00a0 En la acci\u00f3n bajo revisi\u00f3n prospera la tutela, por el siguiente compendio de razones: (i) Existe una vulneraci\u00f3n a la seguridad social, al no ser la se\u00f1ora incluida como beneficiaria de su compa\u00f1ero permanente; (ii) obran elementos de juicio que permiten deducir que en este caso la se\u00f1ora se encuentra ante la eventualidad de sufrir un perjuicio irremediable, por su estado de salud, seg\u00fan lo ...<br \/><div class=\"pt-cv-rmwrap\"><a href=\"https:\/\/www.dmsjuridica.com\/buscador_20179478954\/corteconstitucionalcronologico202454587\/t-124-08\/\" class=\"_self pt-cv-readmore btn btn-success\" target=\"_self\">Ver Sentencia Completa...<\/a><\/div><\/div><\/div><\/div>\n<div class=\"col-md-12 col-sm-12 col-xs-12 pt-cv-content-item pt-cv-1-col\" ><div class='pt-cv-ifield'><a href=\"https:\/\/www.dmsjuridica.com\/buscador_20179478954\/corteconstitucionalcronologico202454587\/t-1239-08\/\" class=\"_self pt-cv-href-thumbnail pt-cv-thumb-default\" target=\"_self\" ><\/a>\n<div class=\"pt-cv-taxoterm above_title\"><a href='https:\/\/www.dmsjuridica.com\/buscador_20179478954\/corteconstitucionalcronologico202454587\/category\/buscar-en-toda-la-corte\/2008\/tutelas-2008\/' title='Tutelas 2008' class='pt-cv-tax-tutelas-2008'>Tutelas 2008<\/a><\/div>\n<h4 class=\"pt-cv-title\"><a href=\"https:\/\/www.dmsjuridica.com\/buscador_20179478954\/corteconstitucionalcronologico202454587\/t-1239-08\/\" class=\"_self\" target=\"_self\" >T-1239-08<\/a><\/h4>\n<div class=\"pt-cv-content\">\u00a0 \u00a0 Sentencia T-1239\/08 \u00a0 ACCION DE TUTELA-Improcedencia general para reintegro laboral \u00a0 ACCION DE TUTELA-Procedencia excepcional para obtener reintegro al cargo cuando se configure un perjuicio irremediable \u00a0 LEY 790 DE 2002-Cre\u00f3 un l\u00edmite de estabilidad laboral para madres y padres cabeza de familia, discapacitados y prepensionados \u00a0 LEY 790 DE 2002-Cre\u00f3 a favor de los prepensionados un r\u00e9gimen de transici\u00f3n para evitar su desvinculaci\u00f3n debido a la proximidad de la adquisici\u00f3n del derecho\u00a0 \u00a0 DERECHOS ADQUIRIDOS EN MATERIA LABORAL-Definici\u00f3n \u00a0 \u00a0DERECHOS ADQUIRIDOS EN MATERIA PENSIONAL-Beneficiarios del r\u00e9gimen de transici\u00f3n \u00a0 LEY 812 DE 2003-No fij\u00f3 l\u00edmite de estabilidad ...<br \/><div class=\"pt-cv-rmwrap\"><a href=\"https:\/\/www.dmsjuridica.com\/buscador_20179478954\/corteconstitucionalcronologico202454587\/t-1239-08\/\" class=\"_self pt-cv-readmore btn btn-success\" target=\"_self\">Ver Sentencia Completa...<\/a><\/div><\/div><\/div><\/div>\n<div class=\"col-md-12 col-sm-12 col-xs-12 pt-cv-content-item pt-cv-1-col\" ><div class='pt-cv-ifield'><a href=\"https:\/\/www.dmsjuridica.com\/buscador_20179478954\/corteconstitucionalcronologico202454587\/t-1238-08\/\" class=\"_self pt-cv-href-thumbnail pt-cv-thumb-default\" target=\"_self\" ><\/a>\n<div class=\"pt-cv-taxoterm above_title\"><a href='https:\/\/www.dmsjuridica.com\/buscador_20179478954\/corteconstitucionalcronologico202454587\/category\/buscar-en-toda-la-corte\/2008\/tutelas-2008\/' title='Tutelas 2008' class='pt-cv-tax-tutelas-2008'>Tutelas 2008<\/a><\/div>\n<h4 class=\"pt-cv-title\"><a href=\"https:\/\/www.dmsjuridica.com\/buscador_20179478954\/corteconstitucionalcronologico202454587\/t-1238-08\/\" class=\"_self\" target=\"_self\" >T-1238-08<\/a><\/h4>\n<div class=\"pt-cv-content\">ACCION DE TUTELA PARA SOLICITAR LA APLICACION DEL RETEN SOCIAL-Procedencia \u00a0 SUPRESION DE CARGOS EN ENTIDADES ESTATALES-Protecci\u00f3n a prepensionados\u00a0 \u00a0 ACCION DE TUTELA PARA EVITAR PERJUICIO IRREMEDIABLE-Procedencia \u00a0 PERJUICIO IRREMEDIABLE-Alcance \u00a0 PERJUICIO IRREMEDIABLE-Elementos para que se configure \u00a0 RETEN SOCIAL Y PLAN DE RENOVACION DE LA ADMINISTRACION PUBLICA-Protecci\u00f3n del ret\u00e9n social de personas pr\u00f3ximas a pensionarse \u00a0 RETEN SOCIAL-Aplicaci\u00f3n Ley 790 de 2002 a situaciones de liquidaci\u00f3n forzosa administrativa de entidades descentralizadas de orden territorial \u00a0 Ley 790 DE 2002-Cre\u00f3 un l\u00edmite de estabilidad laboral para madres y padres cabeza de familia, discapacitados y prepensionados \u00a0 LEY 812 DE 2003-Derogatoria ...<br \/><div class=\"pt-cv-rmwrap\"><a href=\"https:\/\/www.dmsjuridica.com\/buscador_20179478954\/corteconstitucionalcronologico202454587\/t-1238-08\/\" class=\"_self pt-cv-readmore btn btn-success\" target=\"_self\">Ver Sentencia Completa...<\/a><\/div><\/div><\/div><\/div>\n<div class=\"col-md-12 col-sm-12 col-xs-12 pt-cv-content-item pt-cv-1-col\" ><div class='pt-cv-ifield'><a href=\"https:\/\/www.dmsjuridica.com\/buscador_20179478954\/corteconstitucionalcronologico202454587\/t-1237-08\/\" class=\"_self pt-cv-href-thumbnail pt-cv-thumb-default\" target=\"_self\" ><\/a>\n<div class=\"pt-cv-taxoterm above_title\"><a href='https:\/\/www.dmsjuridica.com\/buscador_20179478954\/corteconstitucionalcronologico202454587\/category\/buscar-en-toda-la-corte\/2008\/tutelas-2008\/' title='Tutelas 2008' class='pt-cv-tax-tutelas-2008'>Tutelas 2008<\/a><\/div>\n<h4 class=\"pt-cv-title\"><a href=\"https:\/\/www.dmsjuridica.com\/buscador_20179478954\/corteconstitucionalcronologico202454587\/t-1237-08\/\" class=\"_self\" target=\"_self\" >T-1237-08<\/a><\/h4>\n<div class=\"pt-cv-content\">\u00a0 \u00a0 Sentencia T-1237\/08 \u00a0 ACCION DE TUTELA-Hecho superado por haberse autorizado tac cerebral contrastado, electroencefalograma y tratamiento neurol\u00f3gico \u00a0 Referencia: expediente T-2\u2019071.780 \u00a0 Accionante: Nelly Patricia Ramos Herrera contra la Secretaria de Salud Departamental de Monter\u00eda \u00a0 Procedencia: Juzgado Cuarto Administrativo del Circuito de Monter\u00eda \u00a0 Magistrado Ponente:\u00a0 \u00a0 Dr. MARCO GERARDO MONROY CABRA \u00a0 Bogot\u00e1 D.C., once (11) de diciembre de dos mil ocho (2008). \u00a0 La Sala Sexta de la Corte Constitucional, integrada por los Magistrados doctores, Humberto Antonio Sierra Porto, Nilson Pinilla Pinilla y Marco Gerardo Monroy Cabra, quien la preside, en ejercicio de sus competencias ...<br \/><div class=\"pt-cv-rmwrap\"><a href=\"https:\/\/www.dmsjuridica.com\/buscador_20179478954\/corteconstitucionalcronologico202454587\/t-1237-08\/\" class=\"_self pt-cv-readmore btn btn-success\" target=\"_self\">Ver Sentencia Completa...<\/a><\/div><\/div><\/div><\/div>\n<div class=\"col-md-12 col-sm-12 col-xs-12 pt-cv-content-item pt-cv-1-col\" ><div class='pt-cv-ifield'><a href=\"https:\/\/www.dmsjuridica.com\/buscador_20179478954\/corteconstitucionalcronologico202454587\/t-1236-08\/\" class=\"_self pt-cv-href-thumbnail pt-cv-thumb-default\" target=\"_self\" ><\/a>\n<div class=\"pt-cv-taxoterm above_title\"><a href='https:\/\/www.dmsjuridica.com\/buscador_20179478954\/corteconstitucionalcronologico202454587\/category\/buscar-en-toda-la-corte\/2008\/tutelas-2008\/' title='Tutelas 2008' class='pt-cv-tax-tutelas-2008'>Tutelas 2008<\/a><\/div>\n<h4 class=\"pt-cv-title\"><a href=\"https:\/\/www.dmsjuridica.com\/buscador_20179478954\/corteconstitucionalcronologico202454587\/t-1236-08\/\" class=\"_self\" target=\"_self\" >T-1236-08<\/a><\/h4>\n<div class=\"pt-cv-content\">\u00a0 \u00a0 Sentencia T-1236\/08 \u00a0 PRINCIPIO DE INMEDIATEZ-Caso en que no se presenta por cuanto el demandante a\u00fan padece las consecuencias de las heridas sufridas en el a\u00f1o 2004 \u00a0 DERECHO A LA SALUD DE PERSONA QUE RESULTO LESIONADA EN OPERATIVO DEL EJERCITO NACIONAL-Asunci\u00f3n de atenci\u00f3n m\u00e9dica por las heridas sufridas\/PRINCIPIO DE CONTINUIDAD EN EL SERVICIO MEDICO \u00a0 Aunque el accionante manifest\u00f3 que se encuentra afiliado a una EPS como beneficiario de su esposa, la Sala estima que no se puede desconocer que al acci\u00f3nate se le ha venido adelantando un tratamiento en los centros de sanidad del Ej\u00e9rcito y ...<br \/><div class=\"pt-cv-rmwrap\"><a href=\"https:\/\/www.dmsjuridica.com\/buscador_20179478954\/corteconstitucionalcronologico202454587\/t-1236-08\/\" class=\"_self pt-cv-readmore btn btn-success\" target=\"_self\">Ver Sentencia Completa...<\/a><\/div><\/div><\/div><\/div>\n<div class=\"col-md-12 col-sm-12 col-xs-12 pt-cv-content-item pt-cv-1-col\" ><div class='pt-cv-ifield'><a href=\"https:\/\/www.dmsjuridica.com\/buscador_20179478954\/corteconstitucionalcronologico202454587\/t-1235-08\/\" class=\"_self pt-cv-href-thumbnail pt-cv-thumb-default\" target=\"_self\" ><\/a>\n<div class=\"pt-cv-taxoterm above_title\"><a href='https:\/\/www.dmsjuridica.com\/buscador_20179478954\/corteconstitucionalcronologico202454587\/category\/buscar-en-toda-la-corte\/2008\/tutelas-2008\/' title='Tutelas 2008' class='pt-cv-tax-tutelas-2008'>Tutelas 2008<\/a><\/div>\n<h4 class=\"pt-cv-title\"><a href=\"https:\/\/www.dmsjuridica.com\/buscador_20179478954\/corteconstitucionalcronologico202454587\/t-1235-08\/\" class=\"_self\" target=\"_self\" >T-1235-08<\/a><\/h4>\n<div class=\"pt-cv-content\">\u00a0 \u00a0 Sentencia T-1235\/08 \u00a0 SISTEMA DE RIESGOS PROFESIONALES-Naturaleza \u00a0 SISTEMA DE RIESGOS PROFESIONALES-Finalidad \u00a0 ADMINISTRADORA DE RIESGOS PROFESIONALES-Funci\u00f3n \u00a0 EMPLEADOR-Asunci\u00f3n directa de atenci\u00f3n m\u00e9dica por accidentes de trabajo, riesgos y eventualidades por enfermedad profesional del trabajador \u00a0 Referencia: Expediente T-1952397. \u00a0 Demandante: Edison Alberto Salazar Balzan. \u00a0 Demandado: Seguro Social, Seccional Antioquia. \u00a0 \u00a0 \u00a0 \u00a0 \u00a0 \u00a0 Magistrado Ponente:\u00a0 \u00a0 RODRIGO ESCOBAR GIL \u00a0 Bogot\u00e1, D. C., diez (10) de diciembre de dos mil ocho (2008). \u00a0 \u00a0 \u00a0 La Sala Cuarta de Revisi\u00f3n de la Corte Constitucional, integrada por los Magistrados Rodrigo Escobar Gil, Mauricio Gonz\u00e1lez Cuervo ...<br \/><div class=\"pt-cv-rmwrap\"><a href=\"https:\/\/www.dmsjuridica.com\/buscador_20179478954\/corteconstitucionalcronologico202454587\/t-1235-08\/\" class=\"_self pt-cv-readmore btn btn-success\" target=\"_self\">Ver Sentencia Completa...<\/a><\/div><\/div><\/div><\/div>\n<div class=\"col-md-12 col-sm-12 col-xs-12 pt-cv-content-item pt-cv-1-col\" ><div class='pt-cv-ifield'><a href=\"https:\/\/www.dmsjuridica.com\/buscador_20179478954\/corteconstitucionalcronologico202454587\/t-1234-08\/\" class=\"_self pt-cv-href-thumbnail pt-cv-thumb-default\" target=\"_self\" ><\/a>\n<div class=\"pt-cv-taxoterm above_title\"><a href='https:\/\/www.dmsjuridica.com\/buscador_20179478954\/corteconstitucionalcronologico202454587\/category\/buscar-en-toda-la-corte\/2008\/tutelas-2008\/' title='Tutelas 2008' class='pt-cv-tax-tutelas-2008'>Tutelas 2008<\/a><\/div>\n<h4 class=\"pt-cv-title\"><a href=\"https:\/\/www.dmsjuridica.com\/buscador_20179478954\/corteconstitucionalcronologico202454587\/t-1234-08\/\" class=\"_self\" target=\"_self\" >T-1234-08<\/a><\/h4>\n<div class=\"pt-cv-content\">\u00a0 \u00a0 Sentencia T-1234\/08 \u00a0 ESTADO DE COSAS INCONSTITUCIONAL-Mora habitual en resolver peticiones por Cajanal \u00a0 DERECHO DE PETICION-Alcance y contenido \u00a0 DERECHO DE PETICION-No constituye respuesta estado del tr\u00e1mite de solicitud \u00a0 DERECHO DE PETICION EN MATERIA PENSIONAL-T\u00e9rminos para resolver \u00a0 DERECHO DE PETICION ANTE CAJA NACIONAL-Criterios que, mutatis mutandi pueden aplicarse en los casos de afectaci\u00f3n atribuibles a problemas estructurales en la entidad destinataria de las peticiones \u00a0 La Corte ha desarrollado algunos criterios que, mutatis mutandi, pueden aplicarse en los casos de afectaci\u00f3n del derecho de petici\u00f3n atribuibles a problemas estructurales en la entidad destinataria de las ...<br \/><div class=\"pt-cv-rmwrap\"><a href=\"https:\/\/www.dmsjuridica.com\/buscador_20179478954\/corteconstitucionalcronologico202454587\/t-1234-08\/\" class=\"_self pt-cv-readmore btn btn-success\" target=\"_self\">Ver Sentencia Completa...<\/a><\/div><\/div><\/div><\/div>\n<div class=\"col-md-12 col-sm-12 col-xs-12 pt-cv-content-item pt-cv-1-col\" ><div class='pt-cv-ifield'><a href=\"https:\/\/www.dmsjuridica.com\/buscador_20179478954\/corteconstitucionalcronologico202454587\/t-1233-08\/\" class=\"_self pt-cv-href-thumbnail pt-cv-thumb-default\" target=\"_self\" ><\/a>\n<div class=\"pt-cv-taxoterm above_title\"><a href='https:\/\/www.dmsjuridica.com\/buscador_20179478954\/corteconstitucionalcronologico202454587\/category\/buscar-en-toda-la-corte\/2008\/tutelas-2008\/' title='Tutelas 2008' class='pt-cv-tax-tutelas-2008'>Tutelas 2008<\/a><\/div>\n<h4 class=\"pt-cv-title\"><a href=\"https:\/\/www.dmsjuridica.com\/buscador_20179478954\/corteconstitucionalcronologico202454587\/t-1233-08\/\" class=\"_self\" target=\"_self\" >T-1233-08<\/a><\/h4>\n<div class=\"pt-cv-content\">\u00a0 \u00a0 Sentencia T-1233\/08 \u00a0 LEGITIMACION POR ACTIVA EN TUTELA-Titularidad \u00a0 TEMERIDAD-Configuraci\u00f3n \u00a0 \u00a0 \u00a0 TEMERIDAD-No se configura cuando las pretensiones presentadas en cada acci\u00f3n difieren sustancialmente en cuanto a su alcance mismo \u00a0 DERECHOS PRESTACIONALES-Procedencia excepcional de tutela \u00a0 ACCION DE TUTELA-Procedencia excepcional para ordenar reconocimiento de pensiones \u00a0 DERECHO AL MINIMO VITAL-Protecci\u00f3n \u00a0 PENSION DE JUBILACION Y PENSION DE VEJEZ-Diferencias \u00a0 SISTEMA GENERAL DE PENSIONES-Alcance \u00a0 SISTEMA GENERAL DE PENSIONES-Reg\u00edmenes \u00a0 SISTEMA GENERAL DE PENSIONES-Entidades obligadas al reconocimiento y pago \u00a0 Ya en vigencia de la Constituci\u00f3n de 1991, y habi\u00e9ndose expedido la Ley 100 de 1993, se ...<br \/><div class=\"pt-cv-rmwrap\"><a href=\"https:\/\/www.dmsjuridica.com\/buscador_20179478954\/corteconstitucionalcronologico202454587\/t-1233-08\/\" class=\"_self pt-cv-readmore btn btn-success\" target=\"_self\">Ver Sentencia Completa...<\/a><\/div><\/div><\/div><\/div>\n<div class=\"col-md-12 col-sm-12 col-xs-12 pt-cv-content-item pt-cv-1-col\" ><div class='pt-cv-ifield'><a href=\"https:\/\/www.dmsjuridica.com\/buscador_20179478954\/corteconstitucionalcronologico202454587\/t-1232-08\/\" class=\"_self pt-cv-href-thumbnail pt-cv-thumb-default\" target=\"_self\" ><\/a>\n<div class=\"pt-cv-taxoterm above_title\"><a href='https:\/\/www.dmsjuridica.com\/buscador_20179478954\/corteconstitucionalcronologico202454587\/category\/buscar-en-toda-la-corte\/2008\/tutelas-2008\/' title='Tutelas 2008' class='pt-cv-tax-tutelas-2008'>Tutelas 2008<\/a><\/div>\n<h4 class=\"pt-cv-title\"><a href=\"https:\/\/www.dmsjuridica.com\/buscador_20179478954\/corteconstitucionalcronologico202454587\/t-1232-08\/\" class=\"_self\" target=\"_self\" >T-1232-08<\/a><\/h4>\n<div class=\"pt-cv-content\">\u00a0 \u00a0 SENTENCIA T-1232\/08 \u00a0 (Diciembre 9, Bogot\u00e1 D.C.) \u00a0 ENFERMEDADES CATASTROFICAS O RUINOSAS-Tratamiento \u00a0 TRATAMIENTO MEDICO-Juez solo puede ordenar lo indicado por el m\u00e9dico tratante \u00a0 ENTIDAD PROMOTORA DE SALUD-Cubrimiento de los gastos de transporte para pacientes y acompa\u00f1antes \u00a0 Jurisprudencia de esta Corporaci\u00f3n ha ordenado en numerosas ocasiones que las EPS asuman los gastos de transporte y manutenci\u00f3n para hacer efectivos los tratamientos m\u00e9dicos de los pacientes, siempre que se acredite su imposibilidad de asumir dicho costo, con fundamento en el deber de garantizar el acceso a la promoci\u00f3n, protecci\u00f3n y recuperaci\u00f3n de la salud por las empresas ...<br \/><div class=\"pt-cv-rmwrap\"><a href=\"https:\/\/www.dmsjuridica.com\/buscador_20179478954\/corteconstitucionalcronologico202454587\/t-1232-08\/\" class=\"_self pt-cv-readmore btn btn-success\" target=\"_self\">Ver Sentencia Completa...<\/a><\/div><\/div><\/div><\/div>\n<div class=\"col-md-12 col-sm-12 col-xs-12 pt-cv-content-item pt-cv-1-col\" ><div class='pt-cv-ifield'><a href=\"https:\/\/www.dmsjuridica.com\/buscador_20179478954\/corteconstitucionalcronologico202454587\/t-1231-08\/\" class=\"_self pt-cv-href-thumbnail pt-cv-thumb-default\" target=\"_self\" ><\/a>\n<div class=\"pt-cv-taxoterm above_title\"><a href='https:\/\/www.dmsjuridica.com\/buscador_20179478954\/corteconstitucionalcronologico202454587\/category\/buscar-en-toda-la-corte\/2008\/tutelas-2008\/' title='Tutelas 2008' class='pt-cv-tax-tutelas-2008'>Tutelas 2008<\/a><\/div>\n<h4 class=\"pt-cv-title\"><a href=\"https:\/\/www.dmsjuridica.com\/buscador_20179478954\/corteconstitucionalcronologico202454587\/t-1231-08\/\" class=\"_self\" target=\"_self\" >T-1231-08<\/a><\/h4>\n<div class=\"pt-cv-content\">\u00a0 \u00a0 SENTENCIA T-1231\/08 \u00a0 (Diciembre 9, Bogot\u00e1 D.C.) \u00a0 ACCION DE TUTELA-Improcedencia general para controvertir actos administrativos\/ACCION DE TUTELA-Procedencia excepcional para controvertir actos administrativos \u00a0 ACCION DE TUTELA-Condiciones para que proceda excepcionalmente contra actos administrativos \u00a0 ACCION DE TUTELA-Casos en que procede la inaplicaci\u00f3n de disposiciones legales y de los actos administrativos de car\u00e1cter general o particular \u00a0 La Corte ha admitido la posibilidad de que el juez constitucional ordene la inaplicaci\u00f3n de disposiciones legales y de los actos administrativos de car\u00e1cter general o particular que fueron expedidos con base en aqu\u00e9llas, cuando se acredite plenamente en cada caso ...<br \/><div class=\"pt-cv-rmwrap\"><a href=\"https:\/\/www.dmsjuridica.com\/buscador_20179478954\/corteconstitucionalcronologico202454587\/t-1231-08\/\" class=\"_self pt-cv-readmore btn btn-success\" target=\"_self\">Ver Sentencia Completa...<\/a><\/div><\/div><\/div><\/div>\n<div class=\"col-md-12 col-sm-12 col-xs-12 pt-cv-content-item pt-cv-1-col\" ><div class='pt-cv-ifield'><a href=\"https:\/\/www.dmsjuridica.com\/buscador_20179478954\/corteconstitucionalcronologico202454587\/t-1230-08\/\" class=\"_self pt-cv-href-thumbnail pt-cv-thumb-default\" target=\"_self\" ><\/a>\n<div class=\"pt-cv-taxoterm above_title\"><a href='https:\/\/www.dmsjuridica.com\/buscador_20179478954\/corteconstitucionalcronologico202454587\/category\/buscar-en-toda-la-corte\/2008\/tutelas-2008\/' title='Tutelas 2008' class='pt-cv-tax-tutelas-2008'>Tutelas 2008<\/a><\/div>\n<h4 class=\"pt-cv-title\"><a href=\"https:\/\/www.dmsjuridica.com\/buscador_20179478954\/corteconstitucionalcronologico202454587\/t-1230-08\/\" class=\"_self\" target=\"_self\" >T-1230-08<\/a><\/h4>\n<div class=\"pt-cv-content\">\u00a0 \u00a0 SENTENCIA T-1230\/08 \u00a0 (Diciembre 9, Bogot\u00e1 DC) \u00a0 ACCION DE TUTELA CONTRA PARTICULARES-Procedencia \u00a0 EMBARAZO-Protecci\u00f3n constitucional \u00a0 MUJER TRABAJADORA EMBARAZADA-Reglas de protecci\u00f3n \u00a0 DERECHO A LA ESTABILIDAD LABORAL REFORZADA DE MUJER EMBARAZADA-Notificaci\u00f3n de estado de embarazo a empleador no requiere formalidades especiales \u00a0 REINTEGRO AL CARGO DE MUJER EMBARAZADA-Protecci\u00f3n \u00a0 DERECHO A LA ESTABILIDAD LABORAL REFORZADA DE MUJER EMBARAZADA-Reintegro al cargo y afiliaci\u00f3n al Sistema Integral de Seguridad Social en Salud \u00a0 Referencia: Expediente T-2.001.043. \u00a0 Accionante: Eliante Cruz Hern\u00e1ndez Mier. \u00a0 Accionado: Luisa Hern\u00e1ndez.\u00a0 \u00a0 Fallo objeto de revisi\u00f3n: sentencia del Juzgado D\u00e9cimo Civil del Circuito de ...<br \/><div class=\"pt-cv-rmwrap\"><a href=\"https:\/\/www.dmsjuridica.com\/buscador_20179478954\/corteconstitucionalcronologico202454587\/t-1230-08\/\" class=\"_self pt-cv-readmore btn btn-success\" target=\"_self\">Ver Sentencia Completa...<\/a><\/div><\/div><\/div><\/div>\n<div class=\"col-md-12 col-sm-12 col-xs-12 pt-cv-content-item pt-cv-1-col\" ><div class='pt-cv-ifield'><a href=\"https:\/\/www.dmsjuridica.com\/buscador_20179478954\/corteconstitucionalcronologico202454587\/t-1229-08\/\" class=\"_self pt-cv-href-thumbnail pt-cv-thumb-default\" target=\"_self\" ><\/a>\n<div class=\"pt-cv-taxoterm above_title\"><a href='https:\/\/www.dmsjuridica.com\/buscador_20179478954\/corteconstitucionalcronologico202454587\/category\/buscar-en-toda-la-corte\/2008\/tutelas-2008\/' title='Tutelas 2008' class='pt-cv-tax-tutelas-2008'>Tutelas 2008<\/a><\/div>\n<h4 class=\"pt-cv-title\"><a href=\"https:\/\/www.dmsjuridica.com\/buscador_20179478954\/corteconstitucionalcronologico202454587\/t-1229-08\/\" class=\"_self\" target=\"_self\" >T-1229-08<\/a><\/h4>\n<div class=\"pt-cv-content\">\u00a0 \u00a0 SENTENCIA T-1229\/08 \u00a0 (Diciembre 5, Bogot\u00e1 DC) \u00a0 ACCION DE TUTELA-Medio de defensa judicial \u00a0 LEY 1122\/07-Confiri\u00f3 a Superintendencia Nacional de Salud facultades jurisdiccionales para adelantar procedimientos que resuelvan controversias entre entidades promotoras de salud y usuarios \u00a0 DERECHO A LA SEGURIDAD SOCIAL EN SALUD-Alcance \u00a0 SISTEMA DE SEGURIDAD SOCIAL EN SALUD-Incorporaci\u00f3n, permanencia y garant\u00eda de traslado de sus afiliados \u00a0 SISTEMA DE SEGURIDAD SOCIAL EN SALUD-Libre escogencia de entidades que prestan el servicio \u00a0 SISTEMA DE SEGURIDAD SOCIAL EN SALUD-L\u00edmites a la libre escogencia de entidades que prestan el servicio \u00a0 DERECHO AL TRASLADO DE ENTIDAD PROMOTORA ...<br \/><div class=\"pt-cv-rmwrap\"><a href=\"https:\/\/www.dmsjuridica.com\/buscador_20179478954\/corteconstitucionalcronologico202454587\/t-1229-08\/\" class=\"_self pt-cv-readmore btn btn-success\" target=\"_self\">Ver Sentencia Completa...<\/a><\/div><\/div><\/div><\/div>\n<div class=\"col-md-12 col-sm-12 col-xs-12 pt-cv-content-item pt-cv-1-col\" ><div class='pt-cv-ifield'><a href=\"https:\/\/www.dmsjuridica.com\/buscador_20179478954\/corteconstitucionalcronologico202454587\/t-1228-08\/\" class=\"_self pt-cv-href-thumbnail pt-cv-thumb-default\" target=\"_self\" ><\/a>\n<div class=\"pt-cv-taxoterm above_title\"><a href='https:\/\/www.dmsjuridica.com\/buscador_20179478954\/corteconstitucionalcronologico202454587\/category\/buscar-en-toda-la-corte\/2008\/tutelas-2008\/' title='Tutelas 2008' class='pt-cv-tax-tutelas-2008'>Tutelas 2008<\/a><\/div>\n<h4 class=\"pt-cv-title\"><a href=\"https:\/\/www.dmsjuridica.com\/buscador_20179478954\/corteconstitucionalcronologico202454587\/t-1228-08\/\" class=\"_self\" target=\"_self\" >T-1228-08<\/a><\/h4>\n<div class=\"pt-cv-content\">\u00a0 \u00a0 SENTENCIA T-1228\/08 \u00a0 (Diciembre 3, Bogot\u00e1 DC) \u00a0 DERECHO A LA EDUCACION DEL MENOR-Car\u00e1cter fundamental \u00a0 DERECHO A LA EDUCACION-Gratuidad en la educaci\u00f3n p\u00fablica obligatoria \u00a0 DERECHO A LA EDUCACION-Antecedentes que dieron origen a la gratuidad \u00a0 DERECHO A LA EDUCACION-Obligatoriedad para todos los menores entre 5 y 18 a\u00f1os de edad y deber de implementar progresivamente su gratuidad \u00a0 Es claro que en Colombia la educaci\u00f3n es obligatoria para todos los menores entre 5 y 18 a\u00f1os de edad, as\u00ed como el deber de implementar progresivamente su gratuidad, eliminando de forma gradual el cobro de los servicios ...<br \/><div class=\"pt-cv-rmwrap\"><a href=\"https:\/\/www.dmsjuridica.com\/buscador_20179478954\/corteconstitucionalcronologico202454587\/t-1228-08\/\" class=\"_self pt-cv-readmore btn btn-success\" target=\"_self\">Ver Sentencia Completa...<\/a><\/div><\/div><\/div><\/div>\n<div class=\"col-md-12 col-sm-12 col-xs-12 pt-cv-content-item pt-cv-1-col\" ><div class='pt-cv-ifield'><a href=\"https:\/\/www.dmsjuridica.com\/buscador_20179478954\/corteconstitucionalcronologico202454587\/t-1227-08\/\" class=\"_self pt-cv-href-thumbnail pt-cv-thumb-default\" target=\"_self\" ><\/a>\n<div class=\"pt-cv-taxoterm above_title\"><a href='https:\/\/www.dmsjuridica.com\/buscador_20179478954\/corteconstitucionalcronologico202454587\/category\/buscar-en-toda-la-corte\/2008\/tutelas-2008\/' title='Tutelas 2008' class='pt-cv-tax-tutelas-2008'>Tutelas 2008<\/a><\/div>\n<h4 class=\"pt-cv-title\"><a href=\"https:\/\/www.dmsjuridica.com\/buscador_20179478954\/corteconstitucionalcronologico202454587\/t-1227-08\/\" class=\"_self\" target=\"_self\" >T-1227-08<\/a><\/h4>\n<div class=\"pt-cv-content\">\u00a0 \u00a0 SENTENCIA T-1227\/08 \u00a0 (Diciembre 5, Bogot\u00e1 DC) \u00a0 DERECHO A LA SALUD DEL MENOR-Fundamental aut\u00f3nomo \u00a0 DERECHO A LA SALUD DEL MENOR-Criterios que permiten su protecci\u00f3n constitucional \u00a0 La Corte ha establecido los criterios que permiten su protecci\u00f3n constitucional a trav\u00e9s del ejercicio de la acci\u00f3n de tutela, as\u00ed: (i) que exista un atentado grave contra la salud de los menores; (ii) que la situaci\u00f3n que se reprocha no pueda conjurarse por la persona afectada; (iii) que la ausencia de prestaci\u00f3n del servicio ponga en alto riesgo la vida, las capacidades f\u00edsicas o ps\u00edquicas del infante o su ...<br \/><div class=\"pt-cv-rmwrap\"><a href=\"https:\/\/www.dmsjuridica.com\/buscador_20179478954\/corteconstitucionalcronologico202454587\/t-1227-08\/\" class=\"_self pt-cv-readmore btn btn-success\" target=\"_self\">Ver Sentencia Completa...<\/a><\/div><\/div><\/div><\/div>\n<div class=\"col-md-12 col-sm-12 col-xs-12 pt-cv-content-item pt-cv-1-col\" ><div class='pt-cv-ifield'><a href=\"https:\/\/www.dmsjuridica.com\/buscador_20179478954\/corteconstitucionalcronologico202454587\/t-1226-08\/\" class=\"_self pt-cv-href-thumbnail pt-cv-thumb-default\" target=\"_self\" ><\/a>\n<div class=\"pt-cv-taxoterm above_title\"><a href='https:\/\/www.dmsjuridica.com\/buscador_20179478954\/corteconstitucionalcronologico202454587\/category\/buscar-en-toda-la-corte\/2008\/tutelas-2008\/' title='Tutelas 2008' class='pt-cv-tax-tutelas-2008'>Tutelas 2008<\/a><\/div>\n<h4 class=\"pt-cv-title\"><a href=\"https:\/\/www.dmsjuridica.com\/buscador_20179478954\/corteconstitucionalcronologico202454587\/t-1226-08\/\" class=\"_self\" target=\"_self\" >T-1226-08<\/a><\/h4>\n<div class=\"pt-cv-content\">ACCION DE TUTELA CONTRA PROVIDENCIAS JUDICIALES-Improcedencia \u00a0 VIA DE HECHO POR DEFECTO PROCEDIMENTAL-No todo incumplimiento de formalidades es suficiente para que se configure\u00a0 \u00a0 VIA DE HECHO POR DEFECTO PROCEDIMENTAL-Incumplimiento de las formalidades debe estar revestido de suficiente entidad para que el mismo pueda considerarse como una v\u00eda de hecho \u00a0 En efecto, la jurisprudencia de la Corte ha se\u00f1alado que \u201cel incumplimiento de las formalidades debe estar revestido de suficiente entidad para que el mismo pueda considerarse como una v\u00eda de hecho\u201d. \u00a0 VIA DE HECHO POR DEFECTO PROCEDIMENTAL-No todo incumplimiento de t\u00e9rmino procesal o de una norma que ...<br \/><div class=\"pt-cv-rmwrap\"><a href=\"https:\/\/www.dmsjuridica.com\/buscador_20179478954\/corteconstitucionalcronologico202454587\/t-1226-08\/\" class=\"_self pt-cv-readmore btn btn-success\" target=\"_self\">Ver Sentencia Completa...<\/a><\/div><\/div><\/div><\/div>\n<div class=\"col-md-12 col-sm-12 col-xs-12 pt-cv-content-item pt-cv-1-col\" ><div class='pt-cv-ifield'><a href=\"https:\/\/www.dmsjuridica.com\/buscador_20179478954\/corteconstitucionalcronologico202454587\/t-1225-08\/\" class=\"_self pt-cv-href-thumbnail pt-cv-thumb-default\" target=\"_self\" ><\/a>\n<div class=\"pt-cv-taxoterm above_title\"><a href='https:\/\/www.dmsjuridica.com\/buscador_20179478954\/corteconstitucionalcronologico202454587\/category\/buscar-en-toda-la-corte\/2008\/tutelas-2008\/' title='Tutelas 2008' class='pt-cv-tax-tutelas-2008'>Tutelas 2008<\/a><\/div>\n<h4 class=\"pt-cv-title\"><a href=\"https:\/\/www.dmsjuridica.com\/buscador_20179478954\/corteconstitucionalcronologico202454587\/t-1225-08\/\" class=\"_self\" target=\"_self\" >T-1225-08<\/a><\/h4>\n<div class=\"pt-cv-content\">\u00a0 \u00a0 Sentencia T-1225\/08\u00a0 \u00a0 ACCION DE TUTELA-Procedencia excepcional pago de acreencias laborales \u00a0 PERJUICIO IRREMEDIABLE-Caracter\u00edsticas \u00a0 DERECHOS ADQUIRIDOS DEL PENSIONADO-Situaciones jur\u00eddicas individuales definidas con anterioridad a la ley 100 de 1993 \u00a0 REGIMEN DE TRANSICION EN PENSIONES-A quienes se refiri\u00f3 la Ley 100 de 1993 \u00a0 INGRESO BASE PARA LIQUIDACION DE PENSIONES DE EMPLEADOS EN REGIMEN DE TRANSICION-C\u00e1lculo seg\u00fan lo dispuesto en el art\u00edculo 21 de la Ley 100 de 1993 \u00a0 INGRESO BASE PARA LIQUIDAR PENSION-Compuesto por los mismos factores que sirvieron e base para cotizar a pensiones \u00a0 INGRESO BASE PARA LIQUIDAR PENSION-Factores salariales de acuerdo con ...<br \/><div class=\"pt-cv-rmwrap\"><a href=\"https:\/\/www.dmsjuridica.com\/buscador_20179478954\/corteconstitucionalcronologico202454587\/t-1225-08\/\" class=\"_self pt-cv-readmore btn btn-success\" target=\"_self\">Ver Sentencia Completa...<\/a><\/div><\/div><\/div><\/div>\n<div class=\"col-md-12 col-sm-12 col-xs-12 pt-cv-content-item pt-cv-1-col\" ><div class='pt-cv-ifield'><a href=\"https:\/\/www.dmsjuridica.com\/buscador_20179478954\/corteconstitucionalcronologico202454587\/t-1224-08\/\" class=\"_self pt-cv-href-thumbnail pt-cv-thumb-default\" target=\"_self\" ><\/a>\n<div class=\"pt-cv-taxoterm above_title\"><a href='https:\/\/www.dmsjuridica.com\/buscador_20179478954\/corteconstitucionalcronologico202454587\/category\/buscar-en-toda-la-corte\/2008\/tutelas-2008\/' title='Tutelas 2008' class='pt-cv-tax-tutelas-2008'>Tutelas 2008<\/a><\/div>\n<h4 class=\"pt-cv-title\"><a href=\"https:\/\/www.dmsjuridica.com\/buscador_20179478954\/corteconstitucionalcronologico202454587\/t-1224-08\/\" class=\"_self\" target=\"_self\" >T-1224-08<\/a><\/h4>\n<div class=\"pt-cv-content\">\u00a0 \u00a0 Sentencia T-1224\/08 \u00a0 JUSTICIA ARBITRAL-Naturaleza constitucional y caracter\u00edsticas \u00a0 ARBITRAMENTO-Voluntad de las partes como origen y fundamento \u00a0 PRINCIPIO KOMPETENZ-KOMPETENZ-Finalidad \u00a0 El principio kompetenz-kompetenz indica que los \u00e1rbitros son titulares de la competencia para decidir sobre su propia competencia; esto con anterioridad a cualquier instancia judicial que haya sido activada por las partes, lo que no obsta para que esta decisi\u00f3n sea recurrida por las partes, por ejemplo a trav\u00e9s del recurso de anulaci\u00f3n, y de esta manera se pronuncie el juez estatal sobre la competencia del tribunal de arbitramento.\u00a0 \u00a0 PRINCIPIO KOMPETENZ-KOMPETENZ-Aplicaci\u00f3n por el juez de primera ...<br \/><div class=\"pt-cv-rmwrap\"><a href=\"https:\/\/www.dmsjuridica.com\/buscador_20179478954\/corteconstitucionalcronologico202454587\/t-1224-08\/\" class=\"_self pt-cv-readmore btn btn-success\" target=\"_self\">Ver Sentencia Completa...<\/a><\/div><\/div><\/div><\/div>\n<div class=\"col-md-12 col-sm-12 col-xs-12 pt-cv-content-item pt-cv-1-col\" ><div class='pt-cv-ifield'><a href=\"https:\/\/www.dmsjuridica.com\/buscador_20179478954\/corteconstitucionalcronologico202454587\/t-1223-08\/\" class=\"_self pt-cv-href-thumbnail pt-cv-thumb-default\" target=\"_self\" ><\/a>\n<div class=\"pt-cv-taxoterm above_title\"><a href='https:\/\/www.dmsjuridica.com\/buscador_20179478954\/corteconstitucionalcronologico202454587\/category\/buscar-en-toda-la-corte\/2008\/tutelas-2008\/' title='Tutelas 2008' class='pt-cv-tax-tutelas-2008'>Tutelas 2008<\/a><\/div>\n<h4 class=\"pt-cv-title\"><a href=\"https:\/\/www.dmsjuridica.com\/buscador_20179478954\/corteconstitucionalcronologico202454587\/t-1223-08\/\" class=\"_self\" target=\"_self\" >T-1223-08<\/a><\/h4>\n<div class=\"pt-cv-content\">\u00a0 \u00a0 Sentencia T-1223\/08 \u00a0 LICENCIA DE MATERNIDAD-Requisitos para el reconocimiento y pago \u00a0 LICENCIA DE MATERNIDAD-Protecci\u00f3n constitucional a mujer gestante y a reci\u00e9n nacido \u00a0 LICENCIA DE MATERNIDAD-Deber de cotizaci\u00f3n durante todo el periodo de gestaci\u00f3n debe analizarse a la luz de cada embarazo \u00a0 EMPLEADOR-Est\u00e1 obligado al pago de la licencia de maternidad cuando no cancela los aportes \u00a0 LICENCIA DE MATERNIDAD-Subreglas para determinar la responsabilidad del empleador por el incumplimiento de los requisitos para acceder al pago y la definici\u00f3n del obligado a efectuar el pago \u00a0 En conclusi\u00f3n, de acuerdo con las hip\u00f3tesis estudiadas, se puede ...<br \/><div class=\"pt-cv-rmwrap\"><a href=\"https:\/\/www.dmsjuridica.com\/buscador_20179478954\/corteconstitucionalcronologico202454587\/t-1223-08\/\" class=\"_self pt-cv-readmore btn btn-success\" target=\"_self\">Ver Sentencia Completa...<\/a><\/div><\/div><\/div><\/div>\n<div class=\"col-md-12 col-sm-12 col-xs-12 pt-cv-content-item pt-cv-1-col\" ><div class='pt-cv-ifield'><a href=\"https:\/\/www.dmsjuridica.com\/buscador_20179478954\/corteconstitucionalcronologico202454587\/t-1222-08\/\" class=\"_self pt-cv-href-thumbnail pt-cv-thumb-default\" target=\"_self\" ><\/a>\n<div class=\"pt-cv-taxoterm above_title\"><a href='https:\/\/www.dmsjuridica.com\/buscador_20179478954\/corteconstitucionalcronologico202454587\/category\/buscar-en-toda-la-corte\/2008\/tutelas-2008\/' title='Tutelas 2008' class='pt-cv-tax-tutelas-2008'>Tutelas 2008<\/a><\/div>\n<h4 class=\"pt-cv-title\"><a href=\"https:\/\/www.dmsjuridica.com\/buscador_20179478954\/corteconstitucionalcronologico202454587\/t-1222-08\/\" class=\"_self\" target=\"_self\" >T-1222-08<\/a><\/h4>\n<div class=\"pt-cv-content\">\u00a0 \u00a0 \u00a0\u00a0 NOTA DE RELATORIA: Mediante Auto de fecha 7 de mayo de 2019, la Sala Quinta de Revisi\u00f3n orden\u00f3 reemplazar la presente providencia, por la versi\u00f3n que resulte de sustituir los nombres de los accionantes y sus hijos por nombres ficticios.\u00a0 \u00a0 Sentencia T-1222\/08 \u00a0 LEGITIMACION POR ACTIVA DEL MENOR-Titularidad \u00a0 DERECHO A LA SALUD DEL NI\u00d1O-Fundamental prevalente \u00a0 DERECHO A LA SALUD DEL MENOR DISCAPACITADO-Protecci\u00f3n preferente \u00a0 DERECHO A LA SALUD DEL MENOR DISCAPACITADO-Atenci\u00f3n inmediata y prioritaria \u00a0 DERECHO A LA SALUD DEL MENOR DISCAPACITADO-Idoneidad de instituci\u00f3n adscrita debe estar debidamente acreditada\/DERECHO A LA SALUD DEL MENOR ...<br \/><div class=\"pt-cv-rmwrap\"><a href=\"https:\/\/www.dmsjuridica.com\/buscador_20179478954\/corteconstitucionalcronologico202454587\/t-1222-08\/\" class=\"_self pt-cv-readmore btn btn-success\" target=\"_self\">Ver Sentencia Completa...<\/a><\/div><\/div><\/div><\/div>\n<div class=\"col-md-12 col-sm-12 col-xs-12 pt-cv-content-item pt-cv-1-col\" ><div class='pt-cv-ifield'><a href=\"https:\/\/www.dmsjuridica.com\/buscador_20179478954\/corteconstitucionalcronologico202454587\/t-1217-08\/\" class=\"_self pt-cv-href-thumbnail pt-cv-thumb-default\" target=\"_self\" ><\/a>\n<div class=\"pt-cv-taxoterm above_title\"><a href='https:\/\/www.dmsjuridica.com\/buscador_20179478954\/corteconstitucionalcronologico202454587\/category\/buscar-en-toda-la-corte\/2008\/tutelas-2008\/' title='Tutelas 2008' class='pt-cv-tax-tutelas-2008'>Tutelas 2008<\/a><\/div>\n<h4 class=\"pt-cv-title\"><a href=\"https:\/\/www.dmsjuridica.com\/buscador_20179478954\/corteconstitucionalcronologico202454587\/t-1217-08\/\" class=\"_self\" target=\"_self\" >T-1217-08<\/a><\/h4>\n<div class=\"pt-cv-content\">\u00a0 \u00a0 Sentencia T-1217\/08 \u00a0 ACCION DE TUTELA CONTRA PARTICULARES-Presupuestos \u00a0 ACCION DE TUTELA CONTRA PARTICULARES Subordinaci\u00f3n o indefensi\u00f3n frente al particular accionado \u00a0 ACCION DE TUTELA CONTRA PARTICULARES-Improcedencia al no existir subordinaci\u00f3n e indefensi\u00f3n por desarrollo del trabajo de manera dependiente o adscrito a otras empresas denominadas operadores jur\u00eddicos \u00a0 Referencia: expediente T- 2.035.976 \u00a0 Acci\u00f3n de tutela instaurada por: Roberto Melanio Perea contra la Sociedad Portuaria Regional de Buenaventura S.A. \u00a0 \u00a0 \u00a0 \u00a0 Magistrado Ponente: \u00a0 Dr. JAIME ARA\u00daJO RENTER\u00cdA \u00a0 \u00a0 \u00a0 \u00a0 \u00a0 Bogot\u00e1, D.C., cinco (5) de diciembre de dos mil ocho (2008) \u00a0 ...<br \/><div class=\"pt-cv-rmwrap\"><a href=\"https:\/\/www.dmsjuridica.com\/buscador_20179478954\/corteconstitucionalcronologico202454587\/t-1217-08\/\" class=\"_self pt-cv-readmore btn btn-success\" target=\"_self\">Ver Sentencia Completa...<\/a><\/div><\/div><\/div><\/div>\n<div class=\"col-md-12 col-sm-12 col-xs-12 pt-cv-content-item pt-cv-1-col\" ><div class='pt-cv-ifield'><a href=\"https:\/\/www.dmsjuridica.com\/buscador_20179478954\/corteconstitucionalcronologico202454587\/t-1216-08\/\" class=\"_self pt-cv-href-thumbnail pt-cv-thumb-default\" target=\"_self\" ><\/a>\n<div class=\"pt-cv-taxoterm above_title\"><a href='https:\/\/www.dmsjuridica.com\/buscador_20179478954\/corteconstitucionalcronologico202454587\/category\/buscar-en-toda-la-corte\/2008\/tutelas-2008\/' title='Tutelas 2008' class='pt-cv-tax-tutelas-2008'>Tutelas 2008<\/a><\/div>\n<h4 class=\"pt-cv-title\"><a href=\"https:\/\/www.dmsjuridica.com\/buscador_20179478954\/corteconstitucionalcronologico202454587\/t-1216-08\/\" class=\"_self\" target=\"_self\" >T-1216-08<\/a><\/h4>\n<div class=\"pt-cv-content\">\u00a0 \u00a0 Sentencia T-1216\/08 \u00a0 ACCION DE TUTELA CONTRA PROVIDENCIAS JUDICIALES-Procedencia excepcional \u00a0 ACCION DE TUTELA CONTRA PROVIDENCIAS JUDICIALES-Situaciones de procedencia \u00a0 ACCION DE TUTELA CONTRA PROVIDENCIAS JUDICIALES-Procedencia excepcional en casos de hom\u00f3nimos \u00a0 VIA DE HECHO EN PROCESO PENAL-Defecto f\u00e1ctico por no identificaci\u00f3n del sindicado \u00a0 HABEAS DATA-Rectificaci\u00f3n de informaci\u00f3n en el DAS por suplantaci\u00f3n de persona \u00a0 Referencia: expediente T-1.989859 \u00a0 Acci\u00f3n de tutela instaurada por Luis Gonzaga Vallejo Mart\u00ednez contra el Juzgado Primero Penal Municipal de Espinal. \u00a0 Magistrado Ponente: \u00a0 \u00a0 Bogot\u00e1, D.C., cinco (5) de diciembre de dos mil ocho (2008). \u00a0 La Sala Tercera ...<br \/><div class=\"pt-cv-rmwrap\"><a href=\"https:\/\/www.dmsjuridica.com\/buscador_20179478954\/corteconstitucionalcronologico202454587\/t-1216-08\/\" class=\"_self pt-cv-readmore btn btn-success\" target=\"_self\">Ver Sentencia Completa...<\/a><\/div><\/div><\/div><\/div>\n<div class=\"col-md-12 col-sm-12 col-xs-12 pt-cv-content-item pt-cv-1-col\" ><div class='pt-cv-ifield'><a href=\"https:\/\/www.dmsjuridica.com\/buscador_20179478954\/corteconstitucionalcronologico202454587\/t-1215-08\/\" class=\"_self pt-cv-href-thumbnail pt-cv-thumb-default\" target=\"_self\" ><\/a>\n<div class=\"pt-cv-taxoterm above_title\"><a href='https:\/\/www.dmsjuridica.com\/buscador_20179478954\/corteconstitucionalcronologico202454587\/category\/buscar-en-toda-la-corte\/2008\/tutelas-2008\/' title='Tutelas 2008' class='pt-cv-tax-tutelas-2008'>Tutelas 2008<\/a><\/div>\n<h4 class=\"pt-cv-title\"><a href=\"https:\/\/www.dmsjuridica.com\/buscador_20179478954\/corteconstitucionalcronologico202454587\/t-1215-08\/\" class=\"_self\" target=\"_self\" >T-1215-08<\/a><\/h4>\n<div class=\"pt-cv-content\">\u00a0 \u00a0 Sentencia T-1215\/08 \u00a0 ACCION DE TUTELA-Improcedencia para dirimir controversia civil en torno a indemnizaci\u00f3n de perjuicios y a la verificaci\u00f3n de la afectaci\u00f3n estructural por las irregularidades en que incurri\u00f3 el constructor de edificaci\u00f3n \u00a0 LICENCIA DE CONSTRUCCION-Objetivos \u00a0 No es de recibo que, frente a una situaci\u00f3n como la presentada en este caso, que puede ser indicativa de pr\u00e1cticas irregulares que pueden ser reiterativas, las autoridades expresen, como se hace en el escrito dirigido por la Oficina de Asesor\u00eda de Obras de la Alcald\u00eda Local de Teusaquillo a esta Sala de Revisi\u00f3n, que el r\u00e9gimen de licencias ...<br \/><div class=\"pt-cv-rmwrap\"><a href=\"https:\/\/www.dmsjuridica.com\/buscador_20179478954\/corteconstitucionalcronologico202454587\/t-1215-08\/\" class=\"_self pt-cv-readmore btn btn-success\" target=\"_self\">Ver Sentencia Completa...<\/a><\/div><\/div><\/div><\/div>\n<div class=\"col-md-12 col-sm-12 col-xs-12 pt-cv-content-item pt-cv-1-col\" ><div class='pt-cv-ifield'><a href=\"https:\/\/www.dmsjuridica.com\/buscador_20179478954\/corteconstitucionalcronologico202454587\/t-1214-08\/\" class=\"_self pt-cv-href-thumbnail pt-cv-thumb-default\" target=\"_self\" ><\/a>\n<div class=\"pt-cv-taxoterm above_title\"><a href='https:\/\/www.dmsjuridica.com\/buscador_20179478954\/corteconstitucionalcronologico202454587\/category\/buscar-en-toda-la-corte\/2008\/tutelas-2008\/' title='Tutelas 2008' class='pt-cv-tax-tutelas-2008'>Tutelas 2008<\/a><\/div>\n<h4 class=\"pt-cv-title\"><a href=\"https:\/\/www.dmsjuridica.com\/buscador_20179478954\/corteconstitucionalcronologico202454587\/t-1214-08\/\" class=\"_self\" target=\"_self\" >T-1214-08<\/a><\/h4>\n<div class=\"pt-cv-content\">\u00a0 \u00a0 Sentencia T-1214\/08 \u00a0 ACCION DE TUTELA-Procedencia para proteger derecho a la salud \u00a0 LEY 1122\/07-Confiri\u00f3 a Superintendencia Nacional de Salud facultades jurisdiccionales para adelantar procedimientos que resuelvan controversias entre entidades promotoras de salud y usuarios \u00a0 JUEZ CONSTITUCIONAL-No es competente para controvertir la idoneidad de los tratamientos m\u00e9dicos y\/o medicamentos \u00a0 Las l\u00edneas jurisprudenciales rese\u00f1adas establecen que la decisi\u00f3n relativa a los tratamientos y medicamentos id\u00f3neos o adecuados para atender la patolog\u00eda de un paciente, est\u00e1 \u00fanicamente en cabeza de los m\u00e9dicos, y no le corresponde al juez. La reserva m\u00e9dica en el campo de los tratamientos se ...<br \/><div class=\"pt-cv-rmwrap\"><a href=\"https:\/\/www.dmsjuridica.com\/buscador_20179478954\/corteconstitucionalcronologico202454587\/t-1214-08\/\" class=\"_self pt-cv-readmore btn btn-success\" target=\"_self\">Ver Sentencia Completa...<\/a><\/div><\/div><\/div><\/div>\n<div class=\"col-md-12 col-sm-12 col-xs-12 pt-cv-content-item pt-cv-1-col\" ><div class='pt-cv-ifield'><a href=\"https:\/\/www.dmsjuridica.com\/buscador_20179478954\/corteconstitucionalcronologico202454587\/t-1213-08\/\" class=\"_self pt-cv-href-thumbnail pt-cv-thumb-default\" target=\"_self\" ><\/a>\n<div class=\"pt-cv-taxoterm above_title\"><a href='https:\/\/www.dmsjuridica.com\/buscador_20179478954\/corteconstitucionalcronologico202454587\/category\/buscar-en-toda-la-corte\/2008\/tutelas-2008\/' title='Tutelas 2008' class='pt-cv-tax-tutelas-2008'>Tutelas 2008<\/a><\/div>\n<h4 class=\"pt-cv-title\"><a href=\"https:\/\/www.dmsjuridica.com\/buscador_20179478954\/corteconstitucionalcronologico202454587\/t-1213-08\/\" class=\"_self\" target=\"_self\" >T-1213-08<\/a><\/h4>\n<div class=\"pt-cv-content\">\u00a0 \u00a0 Sentencia T-1213\/08 \u00a0 DERECHO A LA SEGURIDAD SOCIAL-Alcance \u00a0 DERECHO A LA SEGURIDAD SOCIAL-Instrumentos internacionales que reconocen su importancia \u00a0 DERECHO A LA SEGURIDAD SOCIAL-Fundamental aut\u00f3nomo \u00a0 PRINCIPIO DE PROGRESIVIDAD EN SEGURIDAD SOCIAL-Aplicaci\u00f3n \u00a0 PRINCIPIO DE PROGRESIVIDAD EN SEGURIDAD SOCIAL-Consagraci\u00f3n constitucional e internacional \u00a0 A su vez, el texto constitucional colombiano consagra el principio de progresividad en el caso espec\u00edfico del derecho a la seguridad social. Textualmente, el art\u00edculo 48 superior establece lo siguiente: El Estado, con la participaci\u00f3n de los particulares, ampliar\u00e1 progresivamente la cobertura de la seguridad social que comprender\u00e1 la prestaci\u00f3n de los servicios en ...<br \/><div class=\"pt-cv-rmwrap\"><a href=\"https:\/\/www.dmsjuridica.com\/buscador_20179478954\/corteconstitucionalcronologico202454587\/t-1213-08\/\" class=\"_self pt-cv-readmore btn btn-success\" target=\"_self\">Ver Sentencia Completa...<\/a><\/div><\/div><\/div><\/div>\n<div class=\"col-md-12 col-sm-12 col-xs-12 pt-cv-content-item pt-cv-1-col\" ><div class='pt-cv-ifield'><a href=\"https:\/\/www.dmsjuridica.com\/buscador_20179478954\/corteconstitucionalcronologico202454587\/t-1212-08\/\" class=\"_self pt-cv-href-thumbnail pt-cv-thumb-default\" target=\"_self\" ><\/a>\n<div class=\"pt-cv-taxoterm above_title\"><a href='https:\/\/www.dmsjuridica.com\/buscador_20179478954\/corteconstitucionalcronologico202454587\/category\/buscar-en-toda-la-corte\/2008\/tutelas-2008\/' title='Tutelas 2008' class='pt-cv-tax-tutelas-2008'>Tutelas 2008<\/a><\/div>\n<h4 class=\"pt-cv-title\"><a href=\"https:\/\/www.dmsjuridica.com\/buscador_20179478954\/corteconstitucionalcronologico202454587\/t-1212-08\/\" class=\"_self\" target=\"_self\" >T-1212-08<\/a><\/h4>\n<div class=\"pt-cv-content\">\u00a0 \u00a0 Sentencia T-1212\/08 \u00a0 DERECHO A LA SALUD-Protecci\u00f3n constitucional \u00a0 INAPLICACION DE NORMAS DEL PLAN OBLIGATORIO DE SALUD-Casos en que procede \u00a0 DERECHO A LA SALUD-Casos en que procede pago de transporte para acompa\u00f1ante \u00a0 ENTIDAD PROMOTORA DE SALUD-Orden de prestar el servicio m\u00e9dico de fisioterapia domiciliaria \u00a0 Referencia: expediente T-1.989.385 \u00a0 Acci\u00f3n de tutela instaurada por Manuel Humberto Vanegas contra Compensar Empresa Promotora de Salud \u00a0 Magistrado Ponente \u00a0 Dr. HUMBERTO ANTONIO SIERRA PORTO \u00a0 Bogot\u00e1 D.C. cinco (5) de diciembre de dos mil ocho (2008) \u00a0 La Sala Octava de Revisi\u00f3n de la Corte Constitucional integrada por ...<br \/><div class=\"pt-cv-rmwrap\"><a href=\"https:\/\/www.dmsjuridica.com\/buscador_20179478954\/corteconstitucionalcronologico202454587\/t-1212-08\/\" class=\"_self pt-cv-readmore btn btn-success\" target=\"_self\">Ver Sentencia Completa...<\/a><\/div><\/div><\/div><\/div>\n<div class=\"col-md-12 col-sm-12 col-xs-12 pt-cv-content-item pt-cv-1-col\" ><div class='pt-cv-ifield'><a href=\"https:\/\/www.dmsjuridica.com\/buscador_20179478954\/corteconstitucionalcronologico202454587\/t-1211-08\/\" class=\"_self pt-cv-href-thumbnail pt-cv-thumb-default\" target=\"_self\" ><\/a>\n<div class=\"pt-cv-taxoterm above_title\"><a href='https:\/\/www.dmsjuridica.com\/buscador_20179478954\/corteconstitucionalcronologico202454587\/category\/buscar-en-toda-la-corte\/2008\/tutelas-2008\/' title='Tutelas 2008' class='pt-cv-tax-tutelas-2008'>Tutelas 2008<\/a><\/div>\n<h4 class=\"pt-cv-title\"><a href=\"https:\/\/www.dmsjuridica.com\/buscador_20179478954\/corteconstitucionalcronologico202454587\/t-1211-08\/\" class=\"_self\" target=\"_self\" >T-1211-08<\/a><\/h4>\n<div class=\"pt-cv-content\">\u00a0 \u00a0 Sentencia T-1211\/08 \u00a0 ACCIONES AFIRMATIVAS-Evoluci\u00f3n hist\u00f3rica \u00a0 ACCIONES AFIRMATIVAS-Protecci\u00f3n especial a las madres cabeza de familia \u00a0 MUJER CABEZA DE FAMILIA-Alcance de la expresi\u00f3n soltera o casada \u00a0 REESTRUCTURACION DE ENTIDAD DEL ESTADO-Terminaci\u00f3n relaci\u00f3n laboral con respeto de derechos \u00a0 MADRE CABEZA DE FAMILIA-Protecci\u00f3n al grupo familiar que de ella depende \u00a0 MADRE CABEZA DE FAMILIA-Extensi\u00f3n de la protecci\u00f3n al padre cabeza de familia \u00a0 PROCESO DE REESTRUCTURACION ADMINISTRATIVA DE ENTIDADES DEL ESTADO-Protecci\u00f3n madre cabeza de familia \u00a0 ACCION DE TUTELA-La tutelante no demostr\u00f3 la condici\u00f3n de madre cabeza de familia \u00a0 \u00a0 Referencia: expediente T-1957874 \u00a0 Acci\u00f3n ...<br \/><div class=\"pt-cv-rmwrap\"><a href=\"https:\/\/www.dmsjuridica.com\/buscador_20179478954\/corteconstitucionalcronologico202454587\/t-1211-08\/\" class=\"_self pt-cv-readmore btn btn-success\" target=\"_self\">Ver Sentencia Completa...<\/a><\/div><\/div><\/div><\/div>\n<div class=\"col-md-12 col-sm-12 col-xs-12 pt-cv-content-item pt-cv-1-col\" ><div class='pt-cv-ifield'><a href=\"https:\/\/www.dmsjuridica.com\/buscador_20179478954\/corteconstitucionalcronologico202454587\/t-1210-08\/\" class=\"_self pt-cv-href-thumbnail pt-cv-thumb-default\" target=\"_self\" ><\/a>\n<div class=\"pt-cv-taxoterm above_title\"><a href='https:\/\/www.dmsjuridica.com\/buscador_20179478954\/corteconstitucionalcronologico202454587\/category\/buscar-en-toda-la-corte\/2008\/tutelas-2008\/' title='Tutelas 2008' class='pt-cv-tax-tutelas-2008'>Tutelas 2008<\/a><\/div>\n<h4 class=\"pt-cv-title\"><a href=\"https:\/\/www.dmsjuridica.com\/buscador_20179478954\/corteconstitucionalcronologico202454587\/t-1210-08\/\" class=\"_self\" target=\"_self\" >T-1210-08<\/a><\/h4>\n<div class=\"pt-cv-content\">\u00a0 \u00a0 Sentencia T- \u00a0 \u00a0 \u00a0 \u00a01210\/08 \u00a0 CONTRATO DE PRESTACION DE SERVICIOS-Naturaleza\/CONFLICTOS SOBRE CONTRATO DE PRESTACION DE SERVICIOS-Deben ser debatidos ante la jurisdicci\u00f3n contencioso administrativa mediante la acci\u00f3n contractual \u00a0 CONTRATO DE PRESTACION DE SERVICIOS-No generan relaci\u00f3n laboral subordinada \u00a0 CONTRATO REALIDAD Y CONTRATO DE PRESTACION DE SERVICIOS-Demostraci\u00f3n de relaci\u00f3n laboral \u00a0 DERECHO A LA ESTABILIDAD LABORAL-Alcance \u00a0 REINTEGRO AL CARGO DE MUJER EMBARAZADA-Protecci\u00f3n \u00a0 DERECHO A LA ESTABILIDAD LABORAL REFORZADA DEL DISCAPACITADO-Reintegro al cargo \u00a0 ACCION DE TUTELA-Hecho superado por haber dado respuesta a la petici\u00f3n \u00a0 \u00a0 Referencia: expediente T-1994794 \u00a0 Acci\u00f3n de tutela interpuesta por ...<br \/><div class=\"pt-cv-rmwrap\"><a href=\"https:\/\/www.dmsjuridica.com\/buscador_20179478954\/corteconstitucionalcronologico202454587\/t-1210-08\/\" class=\"_self pt-cv-readmore btn btn-success\" target=\"_self\">Ver Sentencia Completa...<\/a><\/div><\/div><\/div><\/div>\n<div class=\"col-md-12 col-sm-12 col-xs-12 pt-cv-content-item pt-cv-1-col\" ><div class='pt-cv-ifield'><a href=\"https:\/\/www.dmsjuridica.com\/buscador_20179478954\/corteconstitucionalcronologico202454587\/t-1209-08\/\" class=\"_self pt-cv-href-thumbnail pt-cv-thumb-default\" target=\"_self\" ><\/a>\n<div class=\"pt-cv-taxoterm above_title\"><a href='https:\/\/www.dmsjuridica.com\/buscador_20179478954\/corteconstitucionalcronologico202454587\/category\/buscar-en-toda-la-corte\/2008\/tutelas-2008\/' title='Tutelas 2008' class='pt-cv-tax-tutelas-2008'>Tutelas 2008<\/a><\/div>\n<h4 class=\"pt-cv-title\"><a href=\"https:\/\/www.dmsjuridica.com\/buscador_20179478954\/corteconstitucionalcronologico202454587\/t-1209-08\/\" class=\"_self\" target=\"_self\" >T-1209-08<\/a><\/h4>\n<div class=\"pt-cv-content\">\u00a0 \u00a0 Sentencia T-1209\/08 \u00a0 ACCION DE TUTELA-Procedencia excepcional para reconocimiento de prestaciones sociales \u00a0 PENSION DE SOBREVIVIENTES-Naturaleza y finalidad \u00a0 ENTIDAD ADMINISTRADORA DE PENSIONES-Mecanismos para el cobro y sanci\u00f3n por cancelaci\u00f3n extempor\u00e1nea de aportes \u00a0 ACCION DE TUTELA-Reconocimiento pensi\u00f3n de sobrevivientes \u00a0 \u00a0 Referencia: expediente T-2009901 \u00a0 Acci\u00f3n de tutela interpuesta por Martha Luc\u00eda Guzm\u00e1n Peralta contra la Administradora del Fondo de Pensiones y Cesant\u00edas Porvenir S.A. y otros. \u00a0 Magistrada Ponente: \u00a0 Dra. CLARA IN\u00c9S VARGAS HERN\u00c1NDEZ \u00a0 Bogot\u00e1, D.C., cinco (05) de diciembre de dos mil ocho (2008). \u00a0 La Sala Novena de Revisi\u00f3n de la Corte ...<br \/><div class=\"pt-cv-rmwrap\"><a href=\"https:\/\/www.dmsjuridica.com\/buscador_20179478954\/corteconstitucionalcronologico202454587\/t-1209-08\/\" class=\"_self pt-cv-readmore btn btn-success\" target=\"_self\">Ver Sentencia Completa...<\/a><\/div><\/div><\/div><\/div>\n<div class=\"col-md-12 col-sm-12 col-xs-12 pt-cv-content-item pt-cv-1-col\" ><div class='pt-cv-ifield'><a href=\"https:\/\/www.dmsjuridica.com\/buscador_20179478954\/corteconstitucionalcronologico202454587\/t-1208-08\/\" class=\"_self pt-cv-href-thumbnail pt-cv-thumb-default\" target=\"_self\" ><\/a>\n<div class=\"pt-cv-taxoterm above_title\"><a href='https:\/\/www.dmsjuridica.com\/buscador_20179478954\/corteconstitucionalcronologico202454587\/category\/buscar-en-toda-la-corte\/2008\/tutelas-2008\/' title='Tutelas 2008' class='pt-cv-tax-tutelas-2008'>Tutelas 2008<\/a><\/div>\n<h4 class=\"pt-cv-title\"><a href=\"https:\/\/www.dmsjuridica.com\/buscador_20179478954\/corteconstitucionalcronologico202454587\/t-1208-08\/\" class=\"_self\" target=\"_self\" >T-1208-08<\/a><\/h4>\n<div class=\"pt-cv-content\">\u00a0 \u00a0 Sentencia T-1208\/08 \u00a0 ACCION DE TUTELA-Pagos proporcionales o completos de la licencia de maternidad \u00a0 LICENCIA DE MATERNIDAD-Pago por allanamiento a la mora por EPS dependiendo del caso en los procesos acumulados \u00a0 ACCION DE TUTELA PARA EL PAGO DE LICENCIA DE MATERNIDAD-T\u00e9rmino \u00a0 LICENCIA DE MATERNIDAD-Pago a la madre aunque exista ausencia del hijo \u00a0 La jurisprudencia de la Corte ha establecido que una de las finalidades de la licencia por maternidad tiene como objeto velar por la satisfacci\u00f3n del derecho al m\u00ednimo vital de la madre y\/o de su hijo, pero no puede ser entendida esta ...<br \/><div class=\"pt-cv-rmwrap\"><a href=\"https:\/\/www.dmsjuridica.com\/buscador_20179478954\/corteconstitucionalcronologico202454587\/t-1208-08\/\" class=\"_self pt-cv-readmore btn btn-success\" target=\"_self\">Ver Sentencia Completa...<\/a><\/div><\/div><\/div><\/div>\n<div class=\"col-md-12 col-sm-12 col-xs-12 pt-cv-content-item pt-cv-1-col\" ><div class='pt-cv-ifield'><a href=\"https:\/\/www.dmsjuridica.com\/buscador_20179478954\/corteconstitucionalcronologico202454587\/t-1207-08\/\" class=\"_self pt-cv-href-thumbnail pt-cv-thumb-default\" target=\"_self\" ><\/a>\n<div class=\"pt-cv-taxoterm above_title\"><a href='https:\/\/www.dmsjuridica.com\/buscador_20179478954\/corteconstitucionalcronologico202454587\/category\/buscar-en-toda-la-corte\/2008\/tutelas-2008\/' title='Tutelas 2008' class='pt-cv-tax-tutelas-2008'>Tutelas 2008<\/a><\/div>\n<h4 class=\"pt-cv-title\"><a href=\"https:\/\/www.dmsjuridica.com\/buscador_20179478954\/corteconstitucionalcronologico202454587\/t-1207-08\/\" class=\"_self\" target=\"_self\" >T-1207-08<\/a><\/h4>\n<div class=\"pt-cv-content\">\u00a0 \u00a0 Sentencia T-1207\/08 \u00a0 ACCION DE TUTELA-Procedencia para ordenar el reintegro a personas con discapacidad, previa autorizaci\u00f3n del Ministerio del Trabajo \u00a0 PROTECCION LABORAL REFORZADA-Distinci\u00f3n entre trabajadores discapacitados calificados y trabajadores que sufren una disminuci\u00f3n en su condici\u00f3n f\u00edsica durante la ejecuci\u00f3n del contrato de trabajo \u00a0 DERECHO A LA REUBICACION LABORAL-Deber del empleador de reubicar al trabajador que en el transcurso de vida laboral han sufrido de accidentes o enfermedades que disminuyen su capacidad laboral \u00a0 La Corte Constitucional ha protegido a aquellos trabajadores que en el transcurso de vida laboral han sufrido de accidentes o enfermedades que ...<br \/><div class=\"pt-cv-rmwrap\"><a href=\"https:\/\/www.dmsjuridica.com\/buscador_20179478954\/corteconstitucionalcronologico202454587\/t-1207-08\/\" class=\"_self pt-cv-readmore btn btn-success\" target=\"_self\">Ver Sentencia Completa...<\/a><\/div><\/div><\/div><\/div>\n<div class=\"col-md-12 col-sm-12 col-xs-12 pt-cv-content-item pt-cv-1-col\" ><div class='pt-cv-ifield'><a href=\"https:\/\/www.dmsjuridica.com\/buscador_20179478954\/corteconstitucionalcronologico202454587\/t-1206-08\/\" class=\"_self pt-cv-href-thumbnail pt-cv-thumb-default\" target=\"_self\" ><\/a>\n<div class=\"pt-cv-taxoterm above_title\"><a href='https:\/\/www.dmsjuridica.com\/buscador_20179478954\/corteconstitucionalcronologico202454587\/category\/buscar-en-toda-la-corte\/2008\/tutelas-2008\/' title='Tutelas 2008' class='pt-cv-tax-tutelas-2008'>Tutelas 2008<\/a><\/div>\n<h4 class=\"pt-cv-title\"><a href=\"https:\/\/www.dmsjuridica.com\/buscador_20179478954\/corteconstitucionalcronologico202454587\/t-1206-08\/\" class=\"_self\" target=\"_self\" >T-1206-08<\/a><\/h4>\n<div class=\"pt-cv-content\">\u00a0 \u00a0 Sentencia T-1206\/08 \u00a0 ACCION DE TUTELA-Inexistencia de inter\u00e9s de las partes en la acci\u00f3n, por no actualizaci\u00f3n de los hechos y pretensiones \u00a0 ACCION DE TUTELA-Remisi\u00f3n del expediente al Consejo Seccional de la Judicatura para lo de su competencia por la demora de remitir el expediente a la Corte Constitucional contrariando el art\u00edculo 32 del Decreto 2591 de 1991 \u00a0 Referencia: expediente T-1\u2019978.573 \u00a0 Accionante: Luz Torres Garz\u00f3n\u00a0 \u00a0 Accionado: S\u00c1NITAS EPS \u00a0 \u00a0 \u00a0 Procedencia: Juzgado 5 Civil del Circuito de Pereira \u00a0 Magistrado Ponente: \u00a0 Dr. MARCO GERARDO MONROY CABRA \u00a0 Bogot\u00e1 D.C., \u00a0cuatro (4) de ...<br \/><div class=\"pt-cv-rmwrap\"><a href=\"https:\/\/www.dmsjuridica.com\/buscador_20179478954\/corteconstitucionalcronologico202454587\/t-1206-08\/\" class=\"_self pt-cv-readmore btn btn-success\" target=\"_self\">Ver Sentencia Completa...<\/a><\/div><\/div><\/div><\/div>\n<div class=\"col-md-12 col-sm-12 col-xs-12 pt-cv-content-item pt-cv-1-col\" ><div class='pt-cv-ifield'><a href=\"https:\/\/www.dmsjuridica.com\/buscador_20179478954\/corteconstitucionalcronologico202454587\/t-1205-08\/\" class=\"_self pt-cv-href-thumbnail pt-cv-thumb-default\" target=\"_self\" ><\/a>\n<div class=\"pt-cv-taxoterm above_title\"><a href='https:\/\/www.dmsjuridica.com\/buscador_20179478954\/corteconstitucionalcronologico202454587\/category\/buscar-en-toda-la-corte\/2008\/tutelas-2008\/' title='Tutelas 2008' class='pt-cv-tax-tutelas-2008'>Tutelas 2008<\/a><\/div>\n<h4 class=\"pt-cv-title\"><a href=\"https:\/\/www.dmsjuridica.com\/buscador_20179478954\/corteconstitucionalcronologico202454587\/t-1205-08\/\" class=\"_self\" target=\"_self\" >T-1205-08<\/a><\/h4>\n<div class=\"pt-cv-content\">\u00a0 \u00a0 Sentencia T-1205\/08 \u00a0 ACCION DE TUTELA CONTRA PROVIDENCIAS JUDICIALES-Procedencia \u00a0 ACCION DE TUTELA CONTRA PROVIDENCIAS JUDICIALES- Causales gen\u00e9ricas de procedibilidad \u00a0 ACCION DE TUTELA CONTRA PROVIDENCIAS JUDICIALES-Improcedencia por dejar de sustentar el recurso de apelaci\u00f3n \u00a0 Referencia: expediente T-2.063.063 \u00a0 Accionante: Manuel Alejandro Chaparro Guerra \u00a0 Accionados: Tribunal Superior de Bogot\u00e1, Sala Laboral y el juzgado 19 Laboral del Circuito de Bogot\u00e1.\u00a0 \u00a0 Procedencia: Corte Suprema de Justicia\u00a0 \u00a0 Magistrado Ponente: \u00a0 Dr. MARCO GERARDO MONROY CABRA \u00a0 Bogot\u00e1 D.C, cuatro (4) de diciembre de dos mil ocho (2008) \u00a0 La Sala Sexta de Revisi\u00f3n de tutelas de ...<br \/><div class=\"pt-cv-rmwrap\"><a href=\"https:\/\/www.dmsjuridica.com\/buscador_20179478954\/corteconstitucionalcronologico202454587\/t-1205-08\/\" class=\"_self pt-cv-readmore btn btn-success\" target=\"_self\">Ver Sentencia Completa...<\/a><\/div><\/div><\/div><\/div>\n<div class=\"col-md-12 col-sm-12 col-xs-12 pt-cv-content-item pt-cv-1-col\" ><div class='pt-cv-ifield'><a href=\"https:\/\/www.dmsjuridica.com\/buscador_20179478954\/corteconstitucionalcronologico202454587\/t-1204-08\/\" class=\"_self pt-cv-href-thumbnail pt-cv-thumb-default\" target=\"_self\" ><\/a>\n<div class=\"pt-cv-taxoterm above_title\"><a href='https:\/\/www.dmsjuridica.com\/buscador_20179478954\/corteconstitucionalcronologico202454587\/category\/buscar-en-toda-la-corte\/2008\/tutelas-2008\/' title='Tutelas 2008' class='pt-cv-tax-tutelas-2008'>Tutelas 2008<\/a><\/div>\n<h4 class=\"pt-cv-title\"><a href=\"https:\/\/www.dmsjuridica.com\/buscador_20179478954\/corteconstitucionalcronologico202454587\/t-1204-08\/\" class=\"_self\" target=\"_self\" >T-1204-08<\/a><\/h4>\n<div class=\"pt-cv-content\">\u00a0 \u00a0 Sentencia \u00ad\u00ad\u00ad\u00adT-1204\/08 \u00a0 ACCION DE TUTELA CONTRA SENTENCIA DE TUTELA-Prohibici\u00f3n \u00a0 ACCION DE TUTELA CONTRA SENTENCIA DE TUTELA-Justificaci\u00f3n de la imposibilidad de interponer acci\u00f3n de tutela en contra de fallos de tutela \u00a0 TEMERIDAD-Configuraci\u00f3n \u00a0 ACCION DE TUTELA-Improcedencia por pretender atacar una acci\u00f3n de tutela interpuesta con anterioridad por la misma accionante y adicionalmente incurrir en temeridad \u00a0 Referencia: expediente T-2\u2019047.383 \u00a0 Accionante: Margarita G\u00f3mez Falla \u00a0 Accionado: Corte Suprema de Justicia, y otros \u00a0 \u00a0 \u00a0 \u00a0 Procedencia: Sala Jurisdiccional Disciplinaria de Consejo Seccional de la Judicatura de Cundinamarca\u00a0 \u00a0 Magistrado Ponente: \u00a0 Dr. MARCO GERARDO MONROY ...<br \/><div class=\"pt-cv-rmwrap\"><a href=\"https:\/\/www.dmsjuridica.com\/buscador_20179478954\/corteconstitucionalcronologico202454587\/t-1204-08\/\" class=\"_self pt-cv-readmore btn btn-success\" target=\"_self\">Ver Sentencia Completa...<\/a><\/div><\/div><\/div><\/div>\n<div class=\"col-md-12 col-sm-12 col-xs-12 pt-cv-content-item pt-cv-1-col\" ><div class='pt-cv-ifield'><a href=\"https:\/\/www.dmsjuridica.com\/buscador_20179478954\/corteconstitucionalcronologico202454587\/t-1203-08\/\" class=\"_self pt-cv-href-thumbnail pt-cv-thumb-default\" target=\"_self\" ><\/a>\n<div class=\"pt-cv-taxoterm above_title\"><a href='https:\/\/www.dmsjuridica.com\/buscador_20179478954\/corteconstitucionalcronologico202454587\/category\/buscar-en-toda-la-corte\/2008\/tutelas-2008\/' title='Tutelas 2008' class='pt-cv-tax-tutelas-2008'>Tutelas 2008<\/a><\/div>\n<h4 class=\"pt-cv-title\"><a href=\"https:\/\/www.dmsjuridica.com\/buscador_20179478954\/corteconstitucionalcronologico202454587\/t-1203-08\/\" class=\"_self\" target=\"_self\" >T-1203-08<\/a><\/h4>\n<div class=\"pt-cv-content\">\u00a0 \u00a0 Sentencia T-1203\/08 \u00a0 ACCION DE TUTELA-Procedencia para el pago de pensi\u00f3n de invalidez \u00a0 DERECHO A LA PENSION DE INVALIDEZ-Alcance \u00a0 PENSION DE INVALIDEZ-Protecci\u00f3n constitucional \u00a0 PENSION DE INVALIDEZ POR RIESGO COMUN-Aplicaci\u00f3n de excepci\u00f3n de inconstitucionalidad del art\u00edculo 1 de la Ley 860\/03 \u00a0 LIBERTAD DE CONFIGURACION LEGISLATIVA EN SEGURIDAD SOCIAL-L\u00edmites formal y material \u00a0 LEY 860\/03-Impone mayores exigencias para acceder a pensi\u00f3n de invalidez \u00a0 PRINCIPIO DE PROGRESIVIDAD-Violaci\u00f3n por art\u00edculo 1 de ley 860\/03 \u00a0 EMPLEADOR-Responsabilidad en aportes aunque no hubiere efectuado descuentos \u00a0 EMPLEADOR-Responsabilidad por omisi\u00f3n en el pago de aportes patronales y traslado de cotizaciones ...<br \/><div class=\"pt-cv-rmwrap\"><a href=\"https:\/\/www.dmsjuridica.com\/buscador_20179478954\/corteconstitucionalcronologico202454587\/t-1203-08\/\" class=\"_self pt-cv-readmore btn btn-success\" target=\"_self\">Ver Sentencia Completa...<\/a><\/div><\/div><\/div><\/div>\n<div class=\"col-md-12 col-sm-12 col-xs-12 pt-cv-content-item pt-cv-1-col\" ><div class='pt-cv-ifield'><a href=\"https:\/\/www.dmsjuridica.com\/buscador_20179478954\/corteconstitucionalcronologico202454587\/t-1201-08\/\" class=\"_self pt-cv-href-thumbnail pt-cv-thumb-default\" target=\"_self\" ><\/a>\n<div class=\"pt-cv-taxoterm above_title\"><a href='https:\/\/www.dmsjuridica.com\/buscador_20179478954\/corteconstitucionalcronologico202454587\/category\/buscar-en-toda-la-corte\/2008\/tutelas-2008\/' title='Tutelas 2008' class='pt-cv-tax-tutelas-2008'>Tutelas 2008<\/a><\/div>\n<h4 class=\"pt-cv-title\"><a href=\"https:\/\/www.dmsjuridica.com\/buscador_20179478954\/corteconstitucionalcronologico202454587\/t-1201-08\/\" class=\"_self\" target=\"_self\" >T-1201-08<\/a><\/h4>\n<div class=\"pt-cv-content\">\u00a0 \u00a0 Sentencia T-1201\/08 \u00a0 DERECHO A LA SALUD-Fundamental aut\u00f3nomo \u00a0 ACCION DE TUTELA-Procedencia para amparar el derecho a la salud en casos de cobertura del POS \u00a0 ENFERMEDADES QUE PRESENTAN RIESGOS PARA LA SALUD PUBLICA-Acuerdo 117 de 1998 desarrolla los lineamientos en que se practicar\u00e1 la atenci\u00f3n de enfermedades que por sus caracter\u00edsticas se catalogan como de salud p\u00fablica \u00a0 PLAN OBLIGATORIO DE SALUD-Inclusi\u00f3n de la cirug\u00eda de bypass g\u00e1strico para la obesidad m\u00f3rbida \u00a0 CONSENTIMIENTO INFORMADO DEL PACIENTE-Exigencia para cirug\u00eda bari\u00e1trica \u00a0 ENTIDAD PRESTADORA DE SALUD-Obligaci\u00f3n de cubrir \u00edntegramente la cirug\u00eda bypass g\u00e1strico o bariatrica tanto en el ...<br \/><div class=\"pt-cv-rmwrap\"><a href=\"https:\/\/www.dmsjuridica.com\/buscador_20179478954\/corteconstitucionalcronologico202454587\/t-1201-08\/\" class=\"_self pt-cv-readmore btn btn-success\" target=\"_self\">Ver Sentencia Completa...<\/a><\/div><\/div><\/div><\/div>\n<div class=\"col-md-12 col-sm-12 col-xs-12 pt-cv-content-item pt-cv-1-col\" ><div class='pt-cv-ifield'><a href=\"https:\/\/www.dmsjuridica.com\/buscador_20179478954\/corteconstitucionalcronologico202454587\/t-1182-08\/\" class=\"_self pt-cv-href-thumbnail pt-cv-thumb-default\" target=\"_self\" ><\/a>\n<div class=\"pt-cv-taxoterm above_title\"><a href='https:\/\/www.dmsjuridica.com\/buscador_20179478954\/corteconstitucionalcronologico202454587\/category\/buscar-en-toda-la-corte\/2008\/tutelas-2008\/' title='Tutelas 2008' class='pt-cv-tax-tutelas-2008'>Tutelas 2008<\/a><\/div>\n<h4 class=\"pt-cv-title\"><a href=\"https:\/\/www.dmsjuridica.com\/buscador_20179478954\/corteconstitucionalcronologico202454587\/t-1182-08\/\" class=\"_self\" target=\"_self\" >T-1182-08<\/a><\/h4>\n<div class=\"pt-cv-content\">\u00a0 \u00a0 Sentencia T-1182\/08 \u00a0 DERECHO A LA SALUD-Doble connotaci\u00f3n \u00a0 DERECHO A LA SALUD-Fundamental \u00a0 DERECHO A LA SALUD-Incorpora el derecho al diagn\u00f3stico \u00a0 ACCION DE TUTELA-Casos en que procede para proteger derecho a la salud \u00a0 DERECHO A LA SALUD Y A LA VIDA-Vulneraci\u00f3n por no realizarse examen de diagn\u00f3stico \u00a0 INAPLICACION DE NORMAS DEL PLAN OBLIGATORIO DE SALUD-Casos en que procede \u00a0 ACCION DE TUTELA-Obligaci\u00f3n de la EPS de ordenar cita con el ur\u00f3logo para proteger el derecho al diagn\u00f3stico \u00a0 Referencia: expediente T-1999891 \u00a0 Acci\u00f3n de tutela instaurada por Jacinto Mart\u00ednez Morales contra Pijaos Salud EPS ...<br \/><div class=\"pt-cv-rmwrap\"><a href=\"https:\/\/www.dmsjuridica.com\/buscador_20179478954\/corteconstitucionalcronologico202454587\/t-1182-08\/\" class=\"_self pt-cv-readmore btn btn-success\" target=\"_self\">Ver Sentencia Completa...<\/a><\/div><\/div><\/div><\/div>\n<div class=\"col-md-12 col-sm-12 col-xs-12 pt-cv-content-item pt-cv-1-col\" ><div class='pt-cv-ifield'><a href=\"https:\/\/www.dmsjuridica.com\/buscador_20179478954\/corteconstitucionalcronologico202454587\/t-1181-08\/\" class=\"_self pt-cv-href-thumbnail pt-cv-thumb-default\" target=\"_self\" ><\/a>\n<div class=\"pt-cv-taxoterm above_title\"><a href='https:\/\/www.dmsjuridica.com\/buscador_20179478954\/corteconstitucionalcronologico202454587\/category\/buscar-en-toda-la-corte\/2008\/tutelas-2008\/' title='Tutelas 2008' class='pt-cv-tax-tutelas-2008'>Tutelas 2008<\/a><\/div>\n<h4 class=\"pt-cv-title\"><a href=\"https:\/\/www.dmsjuridica.com\/buscador_20179478954\/corteconstitucionalcronologico202454587\/t-1181-08\/\" class=\"_self\" target=\"_self\" >T-1181-08<\/a><\/h4>\n<div class=\"pt-cv-content\">\u00a0 \u00a0 Sentencia T-1181\/08 \u00a0 DERECHO A LA SALUD-Fundamental aut\u00f3nomo \u00a0 INAPLICACION DE NORMAS DEL PLAN OBLIGATORIO DE SALUD-Presupuestos f\u00e1cticos \u00a0 ACCION DE TUTELA CONTRA ENTIDAD PROMOTORA DE SALUD-Procedencia\u00a0 \u00a0 ACCION DE TUTELA-Orden a EPS-S de realizar cirug\u00eda vitrectom\u00eda m\u00e1s laser e inyecci\u00f3n de silicona intraocular \u00a0 Referencia: Expediente T-1999236\u00a0 \u00a0 Acci\u00f3n de tutela instaurada por Gilberto Arag\u00f3n Torres contra Comparta EPS-S y la Secretar\u00eda Departamental de Salud del Tolima.\u00a0 \u00a0 Magistrado Ponente: \u00a0 Dr. HUMBERTO ANTONIO SIERRA PORTO. \u00a0 Bogot\u00e1 D.C., dos (2) de diciembre de dos mil ocho (2008). \u00a0 La Sala Octava de Revisi\u00f3n de la Corte ...<br \/><div class=\"pt-cv-rmwrap\"><a href=\"https:\/\/www.dmsjuridica.com\/buscador_20179478954\/corteconstitucionalcronologico202454587\/t-1181-08\/\" class=\"_self pt-cv-readmore btn btn-success\" target=\"_self\">Ver Sentencia Completa...<\/a><\/div><\/div><\/div><\/div>\n<div class=\"col-md-12 col-sm-12 col-xs-12 pt-cv-content-item pt-cv-1-col\" ><div class='pt-cv-ifield'><a href=\"https:\/\/www.dmsjuridica.com\/buscador_20179478954\/corteconstitucionalcronologico202454587\/t-1180-08\/\" class=\"_self pt-cv-href-thumbnail pt-cv-thumb-default\" target=\"_self\" ><\/a>\n<div class=\"pt-cv-taxoterm above_title\"><a href='https:\/\/www.dmsjuridica.com\/buscador_20179478954\/corteconstitucionalcronologico202454587\/category\/buscar-en-toda-la-corte\/2008\/tutelas-2008\/' title='Tutelas 2008' class='pt-cv-tax-tutelas-2008'>Tutelas 2008<\/a><\/div>\n<h4 class=\"pt-cv-title\"><a href=\"https:\/\/www.dmsjuridica.com\/buscador_20179478954\/corteconstitucionalcronologico202454587\/t-1180-08\/\" class=\"_self\" target=\"_self\" >T-1180-08<\/a><\/h4>\n<div class=\"pt-cv-content\">\u00a0 \u00a0 Sentencia T-1180\/08 \u00a0 ACCION DE TUTELA-Eventos en que procede para proteger derecho a la salud \u00a0 ACCION DE TUTELA-Eventos en que procede la protecci\u00f3n del derecho a la salud de manera urgente \u00a0 ACCION DE TUTELA-Procedencia para amparar el derecho a la salud en casos de cobertura del POS \u00a0 SUPERINTENDENCIA NACIONAL DE SALUD EN MATERIA DE SEGURIDAD SOCIAL EN SALUD-Facultades jurisdiccionales conferidas por la Ley 1122 de 2007 para dirimir controversias entre entidades promotoras de salud y los usuarios en relaci\u00f3n con garant\u00edas de prestaci\u00f3n \u00a0 LINEA JURISPRUDENCIAL SOBRE CIRUGIA DE BY PASS GASTRICO POR OBESIDAD MORBIDA\u00a0 ...<br \/><div class=\"pt-cv-rmwrap\"><a href=\"https:\/\/www.dmsjuridica.com\/buscador_20179478954\/corteconstitucionalcronologico202454587\/t-1180-08\/\" class=\"_self pt-cv-readmore btn btn-success\" target=\"_self\">Ver Sentencia Completa...<\/a><\/div><\/div><\/div><\/div>\n<div class=\"col-md-12 col-sm-12 col-xs-12 pt-cv-content-item pt-cv-1-col\" ><div class='pt-cv-ifield'><a href=\"https:\/\/www.dmsjuridica.com\/buscador_20179478954\/corteconstitucionalcronologico202454587\/t-1179-08\/\" class=\"_self pt-cv-href-thumbnail pt-cv-thumb-default\" target=\"_self\" ><\/a>\n<div class=\"pt-cv-taxoterm above_title\"><a href='https:\/\/www.dmsjuridica.com\/buscador_20179478954\/corteconstitucionalcronologico202454587\/category\/buscar-en-toda-la-corte\/2008\/tutelas-2008\/' title='Tutelas 2008' class='pt-cv-tax-tutelas-2008'>Tutelas 2008<\/a><\/div>\n<h4 class=\"pt-cv-title\"><a href=\"https:\/\/www.dmsjuridica.com\/buscador_20179478954\/corteconstitucionalcronologico202454587\/t-1179-08\/\" class=\"_self\" target=\"_self\" >T-1179-08<\/a><\/h4>\n<div class=\"pt-cv-content\">\u00a0 \u00a0 Sentencia T-1179\/08 \u00a0 ESTADO SOCIAL DE DERECHO-Deberes del Estado para erradicar la pobreza y desigualdad \u00a0 ESTADO SOCIAL DE DERECHO-Prohibici\u00f3n de adelantar pol\u00edticas econ\u00f3micas, sociales y culturales de car\u00e1cter regresivo \u00a0 PRINCIPIO DE CONFIANZA LEGITIMA-Alcance \u00a0 PRINCIPIO DE CONFIANZA LEGITIMA-Protecci\u00f3n en la restituci\u00f3n del espacio p\u00fablico \u00a0 ESPACIO PUBLICO-Frente a pol\u00edticas de reubicaci\u00f3n deben identificarse las dificultades relacionadas con la poblaci\u00f3n y con la actitud de las administraciones municipales y distritales \u00a0 En desarrollo de su tarea de proteger el espacio p\u00fablico, las autoridades p\u00fablicas deben tomar las medidas indispensables para impedir la ocupaci\u00f3n indebida de dicho espacio ...<br \/><div class=\"pt-cv-rmwrap\"><a href=\"https:\/\/www.dmsjuridica.com\/buscador_20179478954\/corteconstitucionalcronologico202454587\/t-1179-08\/\" class=\"_self pt-cv-readmore btn btn-success\" target=\"_self\">Ver Sentencia Completa...<\/a><\/div><\/div><\/div><\/div>\n<div class=\"col-md-12 col-sm-12 col-xs-12 pt-cv-content-item pt-cv-1-col\" ><div class='pt-cv-ifield'><a href=\"https:\/\/www.dmsjuridica.com\/buscador_20179478954\/corteconstitucionalcronologico202454587\/t-1178-08\/\" class=\"_self pt-cv-href-thumbnail pt-cv-thumb-default\" target=\"_self\" ><\/a>\n<div class=\"pt-cv-taxoterm above_title\"><a href='https:\/\/www.dmsjuridica.com\/buscador_20179478954\/corteconstitucionalcronologico202454587\/category\/buscar-en-toda-la-corte\/2008\/tutelas-2008\/' title='Tutelas 2008' class='pt-cv-tax-tutelas-2008'>Tutelas 2008<\/a><\/div>\n<h4 class=\"pt-cv-title\"><a href=\"https:\/\/www.dmsjuridica.com\/buscador_20179478954\/corteconstitucionalcronologico202454587\/t-1178-08\/\" class=\"_self\" target=\"_self\" >T-1178-08<\/a><\/h4>\n<div class=\"pt-cv-content\">\u00a0 \u00a0 Sentencia T-1178\/08 \u00a0 ADULTO MAYOR-Sujeto de especial protecci\u00f3n en el ordenamiento interno y en \u00e1mbito internacional \u00a0 DERECHO A LA SALUD-Doble connotaci\u00f3n \u00a0 DERECHO A LA SALUD-Fundamental \u00a0 ACCION DE TUTELA CONTRA ENTIDAD PROMOTORA DE SALUD-Casos en que procede por vulneraci\u00f3n a la salud en conexidad con la vida digna \u00a0 ENTIDAD PROMOTORA DE SALUD-Pr\u00e1ctica de cirug\u00eda de cataratas y suministro de lente intraocular\u00a0 \u00a0 SISTEMA GENERAL DE SEGURIDAD SOCIAL EN SALUD-Exoneraci\u00f3n de cuotas a las personas que ostentan la calidad de vinculadas \u00a0 SISTEMA GENERAL DE SEGURIDAD SOCIAL EN SALUD-Requisitos para excepci\u00f3n al cumplimiento de copagos o ...<br \/><div class=\"pt-cv-rmwrap\"><a href=\"https:\/\/www.dmsjuridica.com\/buscador_20179478954\/corteconstitucionalcronologico202454587\/t-1178-08\/\" class=\"_self pt-cv-readmore btn btn-success\" target=\"_self\">Ver Sentencia Completa...<\/a><\/div><\/div><\/div><\/div>\n<div class=\"col-md-12 col-sm-12 col-xs-12 pt-cv-content-item pt-cv-1-col\" ><div class='pt-cv-ifield'><a href=\"https:\/\/www.dmsjuridica.com\/buscador_20179478954\/corteconstitucionalcronologico202454587\/t-1177-08\/\" class=\"_self pt-cv-href-thumbnail pt-cv-thumb-default\" target=\"_self\" ><\/a>\n<div class=\"pt-cv-taxoterm above_title\"><a href='https:\/\/www.dmsjuridica.com\/buscador_20179478954\/corteconstitucionalcronologico202454587\/category\/buscar-en-toda-la-corte\/2008\/tutelas-2008\/' title='Tutelas 2008' class='pt-cv-tax-tutelas-2008'>Tutelas 2008<\/a><\/div>\n<h4 class=\"pt-cv-title\"><a href=\"https:\/\/www.dmsjuridica.com\/buscador_20179478954\/corteconstitucionalcronologico202454587\/t-1177-08\/\" class=\"_self\" target=\"_self\" >T-1177-08<\/a><\/h4>\n<div class=\"pt-cv-content\">DERECHO A LA SALUD-Doble connotaci\u00f3n \u00a0 DERECHO A LA SALUD-Fundamental \u00a0 ACCION DE TUTELA-Inaplicaci\u00f3n de la ley \u00a0 DERECHO A LA CONTINUIDAD EN EL SERVICIO DE SALUD-Alcance \u00a0 DERECHO A LA CONTINUIDAD EN EL SERVICIO DE SALUD-Criterios jurisprudenciales que obligan a las entidades promotoras y prestadoras de salud a garantizar este derecho \u00a0 DERECHO A LA SALUD-Incorpora el derecho al diagn\u00f3stico \u00a0 SISTEMA DE SEGURIDAD SOCIAL EN SALUD-Integralidad \u00a0 PRINCIPIO DE INTEGRALIDAD DEL SISTEMA DE SEGURIDAD SOCIAL-Definici\u00f3n\u00a0 \u00a0 DERECHO AL DIAGNOSTICO-Pr\u00e1ctica gamagraf\u00eda \u00f3sea corporal \u00a0 Referencia: expediente T-1989723 \u00a0 Acci\u00f3n de tutela instaurada por A\u00edda Rosario \u00d1a\u00f1es Villacres contra la ...<br \/><div class=\"pt-cv-rmwrap\"><a href=\"https:\/\/www.dmsjuridica.com\/buscador_20179478954\/corteconstitucionalcronologico202454587\/t-1177-08\/\" class=\"_self pt-cv-readmore btn btn-success\" target=\"_self\">Ver Sentencia Completa...<\/a><\/div><\/div><\/div><\/div>\n<div class=\"col-md-12 col-sm-12 col-xs-12 pt-cv-content-item pt-cv-1-col\" ><div class='pt-cv-ifield'><a href=\"https:\/\/www.dmsjuridica.com\/buscador_20179478954\/corteconstitucionalcronologico202454587\/t-1176-08\/\" class=\"_self pt-cv-href-thumbnail pt-cv-thumb-default\" target=\"_self\" ><\/a>\n<div class=\"pt-cv-taxoterm above_title\"><a href='https:\/\/www.dmsjuridica.com\/buscador_20179478954\/corteconstitucionalcronologico202454587\/category\/buscar-en-toda-la-corte\/2008\/tutelas-2008\/' title='Tutelas 2008' class='pt-cv-tax-tutelas-2008'>Tutelas 2008<\/a><\/div>\n<h4 class=\"pt-cv-title\"><a href=\"https:\/\/www.dmsjuridica.com\/buscador_20179478954\/corteconstitucionalcronologico202454587\/t-1176-08\/\" class=\"_self\" target=\"_self\" >T-1176-08<\/a><\/h4>\n<div class=\"pt-cv-content\"> ...<br \/><div class=\"pt-cv-rmwrap\"><a href=\"https:\/\/www.dmsjuridica.com\/buscador_20179478954\/corteconstitucionalcronologico202454587\/t-1176-08\/\" class=\"_self pt-cv-readmore btn btn-success\" target=\"_self\">Ver Sentencia Completa...<\/a><\/div><\/div><\/div><\/div>\n<div class=\"col-md-12 col-sm-12 col-xs-12 pt-cv-content-item pt-cv-1-col\" ><div class='pt-cv-ifield'><a href=\"https:\/\/www.dmsjuridica.com\/buscador_20179478954\/corteconstitucionalcronologico202454587\/t-1175-08\/\" class=\"_self pt-cv-href-thumbnail pt-cv-thumb-default\" target=\"_self\" ><\/a>\n<div class=\"pt-cv-taxoterm above_title\"><a href='https:\/\/www.dmsjuridica.com\/buscador_20179478954\/corteconstitucionalcronologico202454587\/category\/buscar-en-toda-la-corte\/2008\/tutelas-2008\/' title='Tutelas 2008' class='pt-cv-tax-tutelas-2008'>Tutelas 2008<\/a><\/div>\n<h4 class=\"pt-cv-title\"><a href=\"https:\/\/www.dmsjuridica.com\/buscador_20179478954\/corteconstitucionalcronologico202454587\/t-1175-08\/\" class=\"_self\" target=\"_self\" >T-1175-08<\/a><\/h4>\n<div class=\"pt-cv-content\">\u00a0 \u00a0 Sentencia T-1175\/08 \u00a0 DERECHO A LA SALUD-Fundamental \u00a0 DERECHO A LA SALUD DEL ENFERMO DE SIDA-Protecci\u00f3n constitucional e internacional \u00a0 En relaci\u00f3n con la necesidad de afrontar el problema de salud p\u00fablica en que se ha convertido el manejo del VIH\/SIDA en los distintos Estados se ha intentado tambi\u00e9n abrir caminos en el orden internacional. ONUSIDA, por ejemplo, es un programa de Naciones Unidas destinado a coordinar las actividades de los distintos organismos especializados de la ONU en su lucha contra el SIDA. Existe adem\u00e1s un relator especial sobre el derecho a la salud quien ha prestado mucha ...<br \/><div class=\"pt-cv-rmwrap\"><a href=\"https:\/\/www.dmsjuridica.com\/buscador_20179478954\/corteconstitucionalcronologico202454587\/t-1175-08\/\" class=\"_self pt-cv-readmore btn btn-success\" target=\"_self\">Ver Sentencia Completa...<\/a><\/div><\/div><\/div><\/div>\n<div class=\"col-md-12 col-sm-12 col-xs-12 pt-cv-content-item pt-cv-1-col\" ><div class='pt-cv-ifield'><a href=\"https:\/\/www.dmsjuridica.com\/buscador_20179478954\/corteconstitucionalcronologico202454587\/t-1174-08\/\" class=\"_self pt-cv-href-thumbnail pt-cv-thumb-default\" target=\"_self\" ><\/a>\n<div class=\"pt-cv-taxoterm above_title\"><a href='https:\/\/www.dmsjuridica.com\/buscador_20179478954\/corteconstitucionalcronologico202454587\/category\/buscar-en-toda-la-corte\/2008\/tutelas-2008\/' title='Tutelas 2008' class='pt-cv-tax-tutelas-2008'>Tutelas 2008<\/a><\/div>\n<h4 class=\"pt-cv-title\"><a href=\"https:\/\/www.dmsjuridica.com\/buscador_20179478954\/corteconstitucionalcronologico202454587\/t-1174-08\/\" class=\"_self\" target=\"_self\" >T-1174-08<\/a><\/h4>\n<div class=\"pt-cv-content\">\u00a0 \u00a0 Sentencia T-1174\/08 \u00a0 CARRERA ADMINISTRATIVA-Incorporaci\u00f3n \u00a0 SERVICIO SOCIAL OBLIGATORIO-Estabilidad y debido proceso en su prestaci\u00f3n\u00a0 \u00a0 SERVICIO SOCIAL OBLIGATORIO-Obligaci\u00f3n de los egresados de los programas de educaci\u00f3n superior en el \u00e1rea de salud de acuerdo con la Ley 1164 de 2007 \u00a0 SERVICIO SOCIAL OBLIGATORIO-T\u00e9rmino de un a\u00f1o para los profesionales en odontolog\u00eda una vez obtenido el t\u00edtulo correspondiente \u00a0 ACCION DE TUTELA-Orden de reintegro al cargo de Profesional Servicio Social Obligatorio \u00a0 Referencia: expediente T-2.030.081 \u00a0 Acci\u00f3n de tutela instaurada por Linda Luz Tovar Verbel contra la E.S.E. Hospital 7 de Agosto del Plato Magdalena \u00a0 Magistrado ...<br \/><div class=\"pt-cv-rmwrap\"><a href=\"https:\/\/www.dmsjuridica.com\/buscador_20179478954\/corteconstitucionalcronologico202454587\/t-1174-08\/\" class=\"_self pt-cv-readmore btn btn-success\" target=\"_self\">Ver Sentencia Completa...<\/a><\/div><\/div><\/div><\/div>\n<div class=\"col-md-12 col-sm-12 col-xs-12 pt-cv-content-item pt-cv-1-col\" ><div class='pt-cv-ifield'><a href=\"https:\/\/www.dmsjuridica.com\/buscador_20179478954\/corteconstitucionalcronologico202454587\/t-1173-08\/\" class=\"_self pt-cv-href-thumbnail pt-cv-thumb-default\" target=\"_self\" ><\/a>\n<div class=\"pt-cv-taxoterm above_title\"><a href='https:\/\/www.dmsjuridica.com\/buscador_20179478954\/corteconstitucionalcronologico202454587\/category\/buscar-en-toda-la-corte\/2008\/tutelas-2008\/' title='Tutelas 2008' class='pt-cv-tax-tutelas-2008'>Tutelas 2008<\/a><\/div>\n<h4 class=\"pt-cv-title\"><a href=\"https:\/\/www.dmsjuridica.com\/buscador_20179478954\/corteconstitucionalcronologico202454587\/t-1173-08\/\" class=\"_self\" target=\"_self\" >T-1173-08<\/a><\/h4>\n<div class=\"pt-cv-content\">\u00a0 \u00a0 Sentencia T-1173\/08 \u00a0 REGIMEN ESPECIAL CARRERA DE FUERZAS MILITARES Y POLICIA NACIONAL-Admite cierta flexibilidad \u00a0 RETIRO DISCRECIONAL POR RAZONES DEL SERVICIO DE OFICIALES Y SUBOFICIALES DE LA POLICIA NACIONAL Y FUERZAS MILITARES-Vulneraci\u00f3n del debido proceso, defensa y acceso a la administraci\u00f3n de justicia por carecer de motivaci\u00f3n el acto administrativo de retiro \u00a0 RETIRO DISCRECIONAL POR RAZONES DEL SERVICIO DE OFICIALES Y SUBOFICIALES DE LA POLICIA NACIONAL Y FUERZAS MILITARES-Orden al Ej\u00e9rcito Nacional motivar el acto administrativo de retiro y se\u00f1alar las razones que condujeron a la decisi\u00f3n \u00a0 Referencia: expediente T-1.941.697 \u00a0 Acci\u00f3n de tutela de Lucas ...<br \/><div class=\"pt-cv-rmwrap\"><a href=\"https:\/\/www.dmsjuridica.com\/buscador_20179478954\/corteconstitucionalcronologico202454587\/t-1173-08\/\" class=\"_self pt-cv-readmore btn btn-success\" target=\"_self\">Ver Sentencia Completa...<\/a><\/div><\/div><\/div><\/div>\n<div class=\"col-md-12 col-sm-12 col-xs-12 pt-cv-content-item pt-cv-1-col\" ><div class='pt-cv-ifield'><a href=\"https:\/\/www.dmsjuridica.com\/buscador_20179478954\/corteconstitucionalcronologico202454587\/t-1172-08\/\" class=\"_self pt-cv-href-thumbnail pt-cv-thumb-default\" target=\"_self\" ><\/a>\n<div class=\"pt-cv-taxoterm above_title\"><a href='https:\/\/www.dmsjuridica.com\/buscador_20179478954\/corteconstitucionalcronologico202454587\/category\/buscar-en-toda-la-corte\/2008\/tutelas-2008\/' title='Tutelas 2008' class='pt-cv-tax-tutelas-2008'>Tutelas 2008<\/a><\/div>\n<h4 class=\"pt-cv-title\"><a href=\"https:\/\/www.dmsjuridica.com\/buscador_20179478954\/corteconstitucionalcronologico202454587\/t-1172-08\/\" class=\"_self\" target=\"_self\" >T-1172-08<\/a><\/h4>\n<div class=\"pt-cv-content\">\u00a0 \u00a0 Sentencia T-1172\/08\u00a0 \u00a0 DEBER DE ARCHIVO DE LAS ENTIDADES PUBLICAS-Desorden y descuido administrativo no justifica la no resoluci\u00f3n de la solicitud pensional \u00a0 DERECHO DE PETICION-Elaboraci\u00f3n de certificaci\u00f3n solicitada sobre tiempo de servicio \u00a0 Referencia: expediente T-2059693 \u00a0 Acci\u00f3n de tutela interpuesta por Pedro Alc\u00e1ntara Pati\u00f1o Castillo contra el Departamento del Cesar, representado por el Gobernador. \u00a0 Magistrado Ponente: \u00a0 Dr. JAIME C\u00d3RDOBA TRIVI\u00d1O \u00a0 Bogot\u00e1, D. C., \u00a0veintiocho (28) noviembre de dos mil ocho (2008). \u00a0 SENTENCIA \u00a0 Dentro del tr\u00e1mite de revisi\u00f3n de los fallos dictados por el Juzgado Tercero Laboral del Circuito de Valledupar el ...<br \/><div class=\"pt-cv-rmwrap\"><a href=\"https:\/\/www.dmsjuridica.com\/buscador_20179478954\/corteconstitucionalcronologico202454587\/t-1172-08\/\" class=\"_self pt-cv-readmore btn btn-success\" target=\"_self\">Ver Sentencia Completa...<\/a><\/div><\/div><\/div><\/div>\n<div class=\"col-md-12 col-sm-12 col-xs-12 pt-cv-content-item pt-cv-1-col\" ><div class='pt-cv-ifield'><a href=\"https:\/\/www.dmsjuridica.com\/buscador_20179478954\/corteconstitucionalcronologico202454587\/t-1171-08\/\" class=\"_self pt-cv-href-thumbnail pt-cv-thumb-default\" target=\"_self\" ><\/a>\n<div class=\"pt-cv-taxoterm above_title\"><a href='https:\/\/www.dmsjuridica.com\/buscador_20179478954\/corteconstitucionalcronologico202454587\/category\/buscar-en-toda-la-corte\/2008\/tutelas-2008\/' title='Tutelas 2008' class='pt-cv-tax-tutelas-2008'>Tutelas 2008<\/a><\/div>\n<h4 class=\"pt-cv-title\"><a href=\"https:\/\/www.dmsjuridica.com\/buscador_20179478954\/corteconstitucionalcronologico202454587\/t-1171-08\/\" class=\"_self\" target=\"_self\" >T-1171-08<\/a><\/h4>\n<div class=\"pt-cv-content\">\u00a0 \u00a0 Sentencia T-1171\/08 \u00a0 ACCESO A SERVICIOS DE SALUD QUE SE REQUIEREN CON NECESIDAD-Deber de suministrar los servicios m\u00e9dicos o medicamentos, tanto en el r\u00e9gimen contributivo como en el subsidiado \u00a0 ACCION DE TUTELA CONTRA ENTIDAD PROMOTORA DE SALUD-Es requisito que el medicamento est\u00e9 prescrito por m\u00e9dico tratante adscrito a la entidad encargada de garantizar la prestaci\u00f3n del servicio \u00a0 DERECHO A LA SALUD-Vulneraci\u00f3n por negativa de EPS de suministrar medicamento que se requiere con necesidad \u00a0 Referencia: expediente T-2039781 \u00a0 Acci\u00f3n de tutela instaurada por Alfonso Luis Guti\u00e9rrez Jim\u00e9nez en contra de SALUDCOOP EPS. \u00a0 \u00a0 \u00a0 \u00a0 ...<br \/><div class=\"pt-cv-rmwrap\"><a href=\"https:\/\/www.dmsjuridica.com\/buscador_20179478954\/corteconstitucionalcronologico202454587\/t-1171-08\/\" class=\"_self pt-cv-readmore btn btn-success\" target=\"_self\">Ver Sentencia Completa...<\/a><\/div><\/div><\/div><\/div>\n<div class=\"col-md-12 col-sm-12 col-xs-12 pt-cv-content-item pt-cv-1-col\" ><div class='pt-cv-ifield'><a href=\"https:\/\/www.dmsjuridica.com\/buscador_20179478954\/corteconstitucionalcronologico202454587\/t-1170-08\/\" class=\"_self pt-cv-href-thumbnail pt-cv-thumb-default\" target=\"_self\" ><\/a>\n<div class=\"pt-cv-taxoterm above_title\"><a href='https:\/\/www.dmsjuridica.com\/buscador_20179478954\/corteconstitucionalcronologico202454587\/category\/buscar-en-toda-la-corte\/2008\/tutelas-2008\/' title='Tutelas 2008' class='pt-cv-tax-tutelas-2008'>Tutelas 2008<\/a><\/div>\n<h4 class=\"pt-cv-title\"><a href=\"https:\/\/www.dmsjuridica.com\/buscador_20179478954\/corteconstitucionalcronologico202454587\/t-1170-08\/\" class=\"_self\" target=\"_self\" >T-1170-08<\/a><\/h4>\n<div class=\"pt-cv-content\"> ...<br \/><div class=\"pt-cv-rmwrap\"><a href=\"https:\/\/www.dmsjuridica.com\/buscador_20179478954\/corteconstitucionalcronologico202454587\/t-1170-08\/\" class=\"_self pt-cv-readmore btn btn-success\" target=\"_self\">Ver Sentencia Completa...<\/a><\/div><\/div><\/div><\/div>\n<div class=\"col-md-12 col-sm-12 col-xs-12 pt-cv-content-item pt-cv-1-col\" ><div class='pt-cv-ifield'><a href=\"https:\/\/www.dmsjuridica.com\/buscador_20179478954\/corteconstitucionalcronologico202454587\/t-1169-08\/\" class=\"_self pt-cv-href-thumbnail pt-cv-thumb-default\" target=\"_self\" ><\/a>\n<div class=\"pt-cv-taxoterm above_title\"><a href='https:\/\/www.dmsjuridica.com\/buscador_20179478954\/corteconstitucionalcronologico202454587\/category\/buscar-en-toda-la-corte\/2008\/tutelas-2008\/' title='Tutelas 2008' class='pt-cv-tax-tutelas-2008'>Tutelas 2008<\/a><\/div>\n<h4 class=\"pt-cv-title\"><a href=\"https:\/\/www.dmsjuridica.com\/buscador_20179478954\/corteconstitucionalcronologico202454587\/t-1169-08\/\" class=\"_self\" target=\"_self\" >T-1169-08<\/a><\/h4>\n<div class=\"pt-cv-content\">\u00a0 \u00a0 Sentencia T-1169\/08 \u00a0 ACCION DE TUTELA CONTRA PARTICULARES-Procedencia \u00a0 DERECHO DE PETICION-Contenido esencial \u00a0 DERECHO DE PETICION-Deber de dar respuesta sobre las obligaciones pactadas \u00a0 Referencia: expediente T-1.956.122 \u00a0 Acci\u00f3n de tutela instaurada por Javier Andrade Perdomo contra Agreservicios Ltda. \u00a0 Magistrado Ponente: \u00a0 Dr. JAIME ARA\u00daJO RENTER\u00cdA \u00a0 \u00a0 \u00a0 \u00a0 \u00a0 Bogot\u00e1, D.C., veintis\u00e9is (26) de noviembre de dos mil ocho (2008) \u00a0 La Sala Primera de Revisi\u00f3n de la Corte Constitucional, integrada por los Magistrados MANUEL JOS\u00c9 CEPEDA ESPINOSA, JAIME C\u00d3RDOBA TRIVI\u00d1O y JAIME ARA\u00daJO RENTER\u00cdA, en ejercicio de sus competencias constitucionales y legales, ha ...<br \/><div class=\"pt-cv-rmwrap\"><a href=\"https:\/\/www.dmsjuridica.com\/buscador_20179478954\/corteconstitucionalcronologico202454587\/t-1169-08\/\" class=\"_self pt-cv-readmore btn btn-success\" target=\"_self\">Ver Sentencia Completa...<\/a><\/div><\/div><\/div><\/div>\n<div class=\"col-md-12 col-sm-12 col-xs-12 pt-cv-content-item pt-cv-1-col\" ><div class='pt-cv-ifield'><a href=\"https:\/\/www.dmsjuridica.com\/buscador_20179478954\/corteconstitucionalcronologico202454587\/t-1168-08\/\" class=\"_self pt-cv-href-thumbnail pt-cv-thumb-default\" target=\"_self\" ><\/a>\n<div class=\"pt-cv-taxoterm above_title\"><a href='https:\/\/www.dmsjuridica.com\/buscador_20179478954\/corteconstitucionalcronologico202454587\/category\/buscar-en-toda-la-corte\/2008\/tutelas-2008\/' title='Tutelas 2008' class='pt-cv-tax-tutelas-2008'>Tutelas 2008<\/a><\/div>\n<h4 class=\"pt-cv-title\"><a href=\"https:\/\/www.dmsjuridica.com\/buscador_20179478954\/corteconstitucionalcronologico202454587\/t-1168-08\/\" class=\"_self\" target=\"_self\" >T-1168-08<\/a><\/h4>\n<div class=\"pt-cv-content\"> ...<br \/><div class=\"pt-cv-rmwrap\"><a href=\"https:\/\/www.dmsjuridica.com\/buscador_20179478954\/corteconstitucionalcronologico202454587\/t-1168-08\/\" class=\"_self pt-cv-readmore btn btn-success\" target=\"_self\">Ver Sentencia Completa...<\/a><\/div><\/div><\/div><\/div>\n<div class=\"col-md-12 col-sm-12 col-xs-12 pt-cv-content-item pt-cv-1-col\" ><div class='pt-cv-ifield'><a href=\"https:\/\/www.dmsjuridica.com\/buscador_20179478954\/corteconstitucionalcronologico202454587\/t-1167-08\/\" class=\"_self pt-cv-href-thumbnail pt-cv-thumb-default\" target=\"_self\" ><\/a>\n<div class=\"pt-cv-taxoterm above_title\"><a href='https:\/\/www.dmsjuridica.com\/buscador_20179478954\/corteconstitucionalcronologico202454587\/category\/buscar-en-toda-la-corte\/2008\/tutelas-2008\/' title='Tutelas 2008' class='pt-cv-tax-tutelas-2008'>Tutelas 2008<\/a><\/div>\n<h4 class=\"pt-cv-title\"><a href=\"https:\/\/www.dmsjuridica.com\/buscador_20179478954\/corteconstitucionalcronologico202454587\/t-1167-08\/\" class=\"_self\" target=\"_self\" >T-1167-08<\/a><\/h4>\n<div class=\"pt-cv-content\">\u00a0 \u00a0 Sentencia T-1167\/08 \u00a0 LICENCIA DE MATERNIDAD-Alcance y objetivo \u00a0 LICENCIA DE MATERNIDAD-Objeto\/LICENCIA DE MATERNIDAD-Protecci\u00f3n constitucional \u00a0 LICENCIA DE MATERNIDAD-Requisitos para el reconocimiento y pago \u00a0 LICENCIA DE MATERNIDAD-Interpretaci\u00f3n jurisprudencial de los requisitos legales para el reconocimiento y pago \u00a0 LICENCIA DE MATERNIDAD-Pago aunque cotizaci\u00f3n se interrumpi\u00f3 un mes \u00a0 LICENCIA DE MATERNIDAD-T\u00e9rmino hasta de un a\u00f1o despu\u00e9s del nacimiento del ni\u00f1o para reclamar por tutela\u00a0 \u00a0 LICENCIA DE MATERNIDAD-Pago por cuanto la interrupci\u00f3n en los aportes a salud fue solo de 11 d\u00edas \u00a0 LICENCIA DE MATERNIDAD-Plazo de mes y medio por cotizar no es un t\u00e9rmino irrisorio ...<br \/><div class=\"pt-cv-rmwrap\"><a href=\"https:\/\/www.dmsjuridica.com\/buscador_20179478954\/corteconstitucionalcronologico202454587\/t-1167-08\/\" class=\"_self pt-cv-readmore btn btn-success\" target=\"_self\">Ver Sentencia Completa...<\/a><\/div><\/div><\/div><\/div>\n<div class=\"col-md-12 col-sm-12 col-xs-12 pt-cv-content-item pt-cv-1-col\" ><div class='pt-cv-ifield'><a href=\"https:\/\/www.dmsjuridica.com\/buscador_20179478954\/corteconstitucionalcronologico202454587\/t-1166-08\/\" class=\"_self pt-cv-href-thumbnail pt-cv-thumb-default\" target=\"_self\" ><\/a>\n<div class=\"pt-cv-taxoterm above_title\"><a href='https:\/\/www.dmsjuridica.com\/buscador_20179478954\/corteconstitucionalcronologico202454587\/category\/buscar-en-toda-la-corte\/2008\/tutelas-2008\/' title='Tutelas 2008' class='pt-cv-tax-tutelas-2008'>Tutelas 2008<\/a><\/div>\n<h4 class=\"pt-cv-title\"><a href=\"https:\/\/www.dmsjuridica.com\/buscador_20179478954\/corteconstitucionalcronologico202454587\/t-1166-08\/\" class=\"_self\" target=\"_self\" >T-1166-08<\/a><\/h4>\n<div class=\"pt-cv-content\">\u00a0 \u00a0 Sentencia T-1166\/08 \u00a0 RETEN SOCIAL Y PLAN DE RENOVACION DE LA ADMINISTRACION PUBLICA-Protecci\u00f3n especial a trabajadores en condiciones de debilidad manifiesta\u00a0 \u00a0 RETEN SOCIAL Y PLAN DE RENOVACION DE LA ADMINISTRACION PUBLICA-Protecci\u00f3n del ret\u00e9n social de personas pr\u00f3ximas a pensionarse debe extenderse durante todo el proceso de renovaci\u00f3n \u00a0 ACCION DE TUTELA CONTRA EMPRESA SOCIAL DEL ESTADO ESE LUIS CARLOS GALAN SARMIENTO-Calidad de \u201cprepensionados\u201d se extiende hasta cuando el trabajador se le reconozca la pensi\u00f3n o se de la liquidaci\u00f3n definitiva de la entidad \u00a0 ESCISION DEL INSTITUTO DE SEGUROS SOCIALES Y CREACION DE EMPRESAS SOCIALES DEL ESTADO-Variaci\u00f3n ...<br \/><div class=\"pt-cv-rmwrap\"><a href=\"https:\/\/www.dmsjuridica.com\/buscador_20179478954\/corteconstitucionalcronologico202454587\/t-1166-08\/\" class=\"_self pt-cv-readmore btn btn-success\" target=\"_self\">Ver Sentencia Completa...<\/a><\/div><\/div><\/div><\/div>\n<div class=\"col-md-12 col-sm-12 col-xs-12 pt-cv-content-item pt-cv-1-col\" ><div class='pt-cv-ifield'><a href=\"https:\/\/www.dmsjuridica.com\/buscador_20179478954\/corteconstitucionalcronologico202454587\/t-1165-08\/\" class=\"_self pt-cv-href-thumbnail pt-cv-thumb-default\" target=\"_self\" ><\/a>\n<div class=\"pt-cv-taxoterm above_title\"><a href='https:\/\/www.dmsjuridica.com\/buscador_20179478954\/corteconstitucionalcronologico202454587\/category\/buscar-en-toda-la-corte\/2008\/tutelas-2008\/' title='Tutelas 2008' class='pt-cv-tax-tutelas-2008'>Tutelas 2008<\/a><\/div>\n<h4 class=\"pt-cv-title\"><a href=\"https:\/\/www.dmsjuridica.com\/buscador_20179478954\/corteconstitucionalcronologico202454587\/t-1165-08\/\" class=\"_self\" target=\"_self\" >T-1165-08<\/a><\/h4>\n<div class=\"pt-cv-content\"> ...<br \/><div class=\"pt-cv-rmwrap\"><a href=\"https:\/\/www.dmsjuridica.com\/buscador_20179478954\/corteconstitucionalcronologico202454587\/t-1165-08\/\" class=\"_self pt-cv-readmore btn btn-success\" target=\"_self\">Ver Sentencia Completa...<\/a><\/div><\/div><\/div><\/div>\n<div class=\"col-md-12 col-sm-12 col-xs-12 pt-cv-content-item pt-cv-1-col\" ><div class='pt-cv-ifield'><a href=\"https:\/\/www.dmsjuridica.com\/buscador_20179478954\/corteconstitucionalcronologico202454587\/t-1164-08\/\" class=\"_self pt-cv-href-thumbnail pt-cv-thumb-default\" target=\"_self\" ><\/a>\n<div class=\"pt-cv-taxoterm above_title\"><a href='https:\/\/www.dmsjuridica.com\/buscador_20179478954\/corteconstitucionalcronologico202454587\/category\/buscar-en-toda-la-corte\/2008\/tutelas-2008\/' title='Tutelas 2008' class='pt-cv-tax-tutelas-2008'>Tutelas 2008<\/a><\/div>\n<h4 class=\"pt-cv-title\"><a href=\"https:\/\/www.dmsjuridica.com\/buscador_20179478954\/corteconstitucionalcronologico202454587\/t-1164-08\/\" class=\"_self\" target=\"_self\" >T-1164-08<\/a><\/h4>\n<div class=\"pt-cv-content\">\u00a0 \u00a0 Sentencia T-1164\/08 \u00a0 DERECHO DE PETICION-Alcance \u00a0 DERECHO DE PETICION EN MATERIA PENSIONAL-T\u00e9rminos para respuesta oportuna \u00a0 DERECHO DE PETICION EN PENSION DE SOBREVIVIENTES-T\u00e9rmino de 15 d\u00edas para su ejercicio de acuerdo con la Ley 1204 de 2008 \u00a0 Los criterios no se aplican en materia de pensi\u00f3n de sobrevivientes. Ello porque, de manera reciente, la Ley 1204 de 2008 modific\u00f3 algunos art\u00edculos de la Ley 44 de 1980 y estableci\u00f3 t\u00e9rminos especiales en relaci\u00f3n con el ejercicio del derecho de petici\u00f3n en relaci\u00f3n con la sustituci\u00f3n pensional. En este sentido, el art\u00edculo 3\u00ba de la mentada Ley ...<br \/><div class=\"pt-cv-rmwrap\"><a href=\"https:\/\/www.dmsjuridica.com\/buscador_20179478954\/corteconstitucionalcronologico202454587\/t-1164-08\/\" class=\"_self pt-cv-readmore btn btn-success\" target=\"_self\">Ver Sentencia Completa...<\/a><\/div><\/div><\/div><\/div>\n<div class=\"col-md-12 col-sm-12 col-xs-12 pt-cv-content-item pt-cv-1-col\" ><div class='pt-cv-ifield'><a href=\"https:\/\/www.dmsjuridica.com\/buscador_20179478954\/corteconstitucionalcronologico202454587\/t-1163-08\/\" class=\"_self pt-cv-href-thumbnail pt-cv-thumb-default\" target=\"_self\" ><\/a>\n<div class=\"pt-cv-taxoterm above_title\"><a href='https:\/\/www.dmsjuridica.com\/buscador_20179478954\/corteconstitucionalcronologico202454587\/category\/buscar-en-toda-la-corte\/2008\/tutelas-2008\/' title='Tutelas 2008' class='pt-cv-tax-tutelas-2008'>Tutelas 2008<\/a><\/div>\n<h4 class=\"pt-cv-title\"><a href=\"https:\/\/www.dmsjuridica.com\/buscador_20179478954\/corteconstitucionalcronologico202454587\/t-1163-08\/\" class=\"_self\" target=\"_self\" >T-1163-08<\/a><\/h4>\n<div class=\"pt-cv-content\"> ...<br \/><div class=\"pt-cv-rmwrap\"><a href=\"https:\/\/www.dmsjuridica.com\/buscador_20179478954\/corteconstitucionalcronologico202454587\/t-1163-08\/\" class=\"_self pt-cv-readmore btn btn-success\" target=\"_self\">Ver Sentencia Completa...<\/a><\/div><\/div><\/div><\/div>\n<div class=\"col-md-12 col-sm-12 col-xs-12 pt-cv-content-item pt-cv-1-col\" ><div class='pt-cv-ifield'><a href=\"https:\/\/www.dmsjuridica.com\/buscador_20179478954\/corteconstitucionalcronologico202454587\/t-1162-08\/\" class=\"_self pt-cv-href-thumbnail pt-cv-thumb-default\" target=\"_self\" ><\/a>\n<div class=\"pt-cv-taxoterm above_title\"><a href='https:\/\/www.dmsjuridica.com\/buscador_20179478954\/corteconstitucionalcronologico202454587\/category\/buscar-en-toda-la-corte\/2008\/tutelas-2008\/' title='Tutelas 2008' class='pt-cv-tax-tutelas-2008'>Tutelas 2008<\/a><\/div>\n<h4 class=\"pt-cv-title\"><a href=\"https:\/\/www.dmsjuridica.com\/buscador_20179478954\/corteconstitucionalcronologico202454587\/t-1162-08\/\" class=\"_self\" target=\"_self\" >T-1162-08<\/a><\/h4>\n<div class=\"pt-cv-content\"> ...<br \/><div class=\"pt-cv-rmwrap\"><a href=\"https:\/\/www.dmsjuridica.com\/buscador_20179478954\/corteconstitucionalcronologico202454587\/t-1162-08\/\" class=\"_self pt-cv-readmore btn btn-success\" target=\"_self\">Ver Sentencia Completa...<\/a><\/div><\/div><\/div><\/div>\n<div class=\"col-md-12 col-sm-12 col-xs-12 pt-cv-content-item pt-cv-1-col\" ><div class='pt-cv-ifield'><a href=\"https:\/\/www.dmsjuridica.com\/buscador_20179478954\/corteconstitucionalcronologico202454587\/t-1161-08\/\" class=\"_self pt-cv-href-thumbnail pt-cv-thumb-default\" target=\"_self\" ><\/a>\n<div class=\"pt-cv-taxoterm above_title\"><a href='https:\/\/www.dmsjuridica.com\/buscador_20179478954\/corteconstitucionalcronologico202454587\/category\/buscar-en-toda-la-corte\/2008\/tutelas-2008\/' title='Tutelas 2008' class='pt-cv-tax-tutelas-2008'>Tutelas 2008<\/a><\/div>\n<h4 class=\"pt-cv-title\"><a href=\"https:\/\/www.dmsjuridica.com\/buscador_20179478954\/corteconstitucionalcronologico202454587\/t-1161-08\/\" class=\"_self\" target=\"_self\" >T-1161-08<\/a><\/h4>\n<div class=\"pt-cv-content\">\u00a0 \u00a0 Sentencia T-1161\/08 \u00a0 ACCION DE TUTELA-Procedencia excepcional para reconocimiento y pago de prestaciones sociales \u00a0 ACCION DE TUTELA PARA RECONOCIMIENTO DE PENSION-Requisitos para su procedencia \u00a0 \u00a0ACCION DE TUTELA-Improcedencia pago de mesadas pensionales cuando se cuenta con mecanismos de defensa id\u00f3neos y por no evidenciarse la existencia de perjuicio irremediable \u00a0 Referencia: expediente T-1.957.036 \u00a0 Acci\u00f3n de tutela instaurada por Ana Rosa Quevedo de Mahecha contra FONCEP (Fondo de Prestaciones Econ\u00f3micas Cesant\u00edas y Pensiones). \u00a0 Magistrado Ponente: \u00a0 Dr. JAIME ARA\u00daJO RENTER\u00cdA \u00a0 Bogot\u00e1, D.C., veintis\u00e9is (26) de noviembre de dos mil ocho (2008) \u00a0 La Sala Primera ...<br \/><div class=\"pt-cv-rmwrap\"><a href=\"https:\/\/www.dmsjuridica.com\/buscador_20179478954\/corteconstitucionalcronologico202454587\/t-1161-08\/\" class=\"_self pt-cv-readmore btn btn-success\" target=\"_self\">Ver Sentencia Completa...<\/a><\/div><\/div><\/div><\/div>\n<div class=\"col-md-12 col-sm-12 col-xs-12 pt-cv-content-item pt-cv-1-col\" ><div class='pt-cv-ifield'><a href=\"https:\/\/www.dmsjuridica.com\/buscador_20179478954\/corteconstitucionalcronologico202454587\/t-1160-08\/\" class=\"_self pt-cv-href-thumbnail pt-cv-thumb-default\" target=\"_self\" ><\/a>\n<div class=\"pt-cv-taxoterm above_title\"><a href='https:\/\/www.dmsjuridica.com\/buscador_20179478954\/corteconstitucionalcronologico202454587\/category\/buscar-en-toda-la-corte\/2008\/tutelas-2008\/' title='Tutelas 2008' class='pt-cv-tax-tutelas-2008'>Tutelas 2008<\/a><\/div>\n<h4 class=\"pt-cv-title\"><a href=\"https:\/\/www.dmsjuridica.com\/buscador_20179478954\/corteconstitucionalcronologico202454587\/t-1160-08\/\" class=\"_self\" target=\"_self\" >T-1160-08<\/a><\/h4>\n<div class=\"pt-cv-content\">\u00a0 \u00a0 Sentencia T-1160\/08 \u00a0 LICENCIA DE MATERNIDAD-Objeto\/LICENCIA DE MATERNIDAD-Protecci\u00f3n constitucional \u00a0 LICENCIA DE MATERNIDAD-L\u00ednea jurisprudencial \u00a0 LICENCIA DE MATERNIDAD-Requisitos legales para el reconocimiento y pago \u00a0 Siguiendo los lineamientos establecidos en el art\u00edculo 63 del Decreto 806 de 1998, as\u00ed como en el art\u00edculo 3\u00ba del Decreto 047 de 2000 y el mismo C\u00f3digo Sustantivo del Trabajo en su art\u00edculo 236, se desprenden los siguientes requisitos, que han sido sintetizados por esta Corporaci\u00f3n de la siguiente manera: (i) haber cotizado ininterrumpidamente durante todo el per\u00edodo de gestaci\u00f3n; (ii) haber cancelado en forma completa el aporte durante el a\u00f1o anterior ...<br \/><div class=\"pt-cv-rmwrap\"><a href=\"https:\/\/www.dmsjuridica.com\/buscador_20179478954\/corteconstitucionalcronologico202454587\/t-1160-08\/\" class=\"_self pt-cv-readmore btn btn-success\" target=\"_self\">Ver Sentencia Completa...<\/a><\/div><\/div><\/div><\/div>\n<div class=\"col-md-12 col-sm-12 col-xs-12 pt-cv-content-item pt-cv-1-col\" ><div class='pt-cv-ifield'><a href=\"https:\/\/www.dmsjuridica.com\/buscador_20179478954\/corteconstitucionalcronologico202454587\/t-1151-08\/\" class=\"_self pt-cv-href-thumbnail pt-cv-thumb-default\" target=\"_self\" ><\/a>\n<div class=\"pt-cv-taxoterm above_title\"><a href='https:\/\/www.dmsjuridica.com\/buscador_20179478954\/corteconstitucionalcronologico202454587\/category\/buscar-en-toda-la-corte\/2008\/tutelas-2008\/' title='Tutelas 2008' class='pt-cv-tax-tutelas-2008'>Tutelas 2008<\/a><\/div>\n<h4 class=\"pt-cv-title\"><a href=\"https:\/\/www.dmsjuridica.com\/buscador_20179478954\/corteconstitucionalcronologico202454587\/t-1151-08\/\" class=\"_self\" target=\"_self\" >T-1151-08<\/a><\/h4>\n<div class=\"pt-cv-content\">\u00a0 \u00a0 Sentencia T-1151\/08 \u00a0 DOCTRINA CONSTITUCIONAL EN TUTELA-Car\u00e1cter vinculante \u00a0 SENTENCIA DE LA CORTE CONSTITUCIONAL-Reiteraci\u00f3n \u00a0 ACCION DE TUTELA-Procedencia excepcional pago de mesadas pensionales\/DERECHO AL MINIMO VITAL DEL PENSIONADO-Pago oportuno de mesadas \u00a0 MESADA PENSIONAL-Imposibilidad para disponer de la prestaci\u00f3n en cualquier momento afecta de manera inmediata la calidad de vida y coloca al pensionado en situaci\u00f3n de vulnerabilidad \u00a0 Ha dicho esta Corte, que en el caso de las personas de la tercera edad, cuya capacidad laboral se encuentra agotada y cuyo \u00fanico medio de supervivencia est\u00e1 representado en una pensi\u00f3n legalmente reconocida, la imposibilidad de disponer en ...<br \/><div class=\"pt-cv-rmwrap\"><a href=\"https:\/\/www.dmsjuridica.com\/buscador_20179478954\/corteconstitucionalcronologico202454587\/t-1151-08\/\" class=\"_self pt-cv-readmore btn btn-success\" target=\"_self\">Ver Sentencia Completa...<\/a><\/div><\/div><\/div><\/div>\n<div class=\"col-md-12 col-sm-12 col-xs-12 pt-cv-content-item pt-cv-1-col\" ><div class='pt-cv-ifield'><a href=\"https:\/\/www.dmsjuridica.com\/buscador_20179478954\/corteconstitucionalcronologico202454587\/t-1150-08\/\" class=\"_self pt-cv-href-thumbnail pt-cv-thumb-default\" target=\"_self\" ><\/a>\n<div class=\"pt-cv-taxoterm above_title\"><a href='https:\/\/www.dmsjuridica.com\/buscador_20179478954\/corteconstitucionalcronologico202454587\/category\/buscar-en-toda-la-corte\/2008\/tutelas-2008\/' title='Tutelas 2008' class='pt-cv-tax-tutelas-2008'>Tutelas 2008<\/a><\/div>\n<h4 class=\"pt-cv-title\"><a href=\"https:\/\/www.dmsjuridica.com\/buscador_20179478954\/corteconstitucionalcronologico202454587\/t-1150-08\/\" class=\"_self\" target=\"_self\" >T-1150-08<\/a><\/h4>\n<div class=\"pt-cv-content\">\u00a0 \u00a0 Sentencia T-1150\/08 \u00a0 ACCION DE TUTELA CONTRA PROVIDENCIAS JUDICIALES-Procedencia excepcional \u00a0 ACCION DE TUTELA CONTRA PROVIDENCIAS JUDICIALES-L\u00ednea jurisprudencial \u00a0 ACCION DE TUTELA CONTRA PROVIDENCIAS JUDICIALES-Requisitos \u00a0 ACCION DE TUTELA CONTRA PROVIDENCIAS JUDICIALES-Defecto org\u00e1nico \u00a0 DEFECTO FACTICO-Configuraci\u00f3n \u00a0 DEFECTO FACTICO-Dimensiones \u00a0 PRINCIPIO DE LA DOBLE INSTANCIA Y DEBIDO PROCESO-Relaci\u00f3n \u00a0 ACCION DE TUTELA CONTRA PROVIDENCIAS JUDICIALES-Improcedencia \u00a0 ACCION DE TUTELA CONTRA PROVIDENCIAS JUDICIALES-No se configura defecto f\u00e1ctico \u00a0 Referencia: expediente T-1.944.629 \u00a0 Acci\u00f3n de tutela instaurada por Edilberto Castro Rinc\u00f3n contra la Sala de Casaci\u00f3n Penal de la Corte Suprema de Justicia. \u00a0 Magistrado Ponente: \u00a0 \u00a0 Dr. JAIME ...<br \/><div class=\"pt-cv-rmwrap\"><a href=\"https:\/\/www.dmsjuridica.com\/buscador_20179478954\/corteconstitucionalcronologico202454587\/t-1150-08\/\" class=\"_self pt-cv-readmore btn btn-success\" target=\"_self\">Ver Sentencia Completa...<\/a><\/div><\/div><\/div><\/div>\n<div class=\"col-md-12 col-sm-12 col-xs-12 pt-cv-content-item pt-cv-1-col\" ><div class='pt-cv-ifield'><a href=\"https:\/\/www.dmsjuridica.com\/buscador_20179478954\/corteconstitucionalcronologico202454587\/t-1149-08\/\" class=\"_self pt-cv-href-thumbnail pt-cv-thumb-default\" target=\"_self\" ><\/a>\n<div class=\"pt-cv-taxoterm above_title\"><a href='https:\/\/www.dmsjuridica.com\/buscador_20179478954\/corteconstitucionalcronologico202454587\/category\/buscar-en-toda-la-corte\/2008\/tutelas-2008\/' title='Tutelas 2008' class='pt-cv-tax-tutelas-2008'>Tutelas 2008<\/a><\/div>\n<h4 class=\"pt-cv-title\"><a href=\"https:\/\/www.dmsjuridica.com\/buscador_20179478954\/corteconstitucionalcronologico202454587\/t-1149-08\/\" class=\"_self\" target=\"_self\" >T-1149-08<\/a><\/h4>\n<div class=\"pt-cv-content\"> ...<br \/><div class=\"pt-cv-rmwrap\"><a href=\"https:\/\/www.dmsjuridica.com\/buscador_20179478954\/corteconstitucionalcronologico202454587\/t-1149-08\/\" class=\"_self pt-cv-readmore btn btn-success\" target=\"_self\">Ver Sentencia Completa...<\/a><\/div><\/div><\/div><\/div>\n<div class=\"col-md-12 col-sm-12 col-xs-12 pt-cv-content-item pt-cv-1-col\" ><div class='pt-cv-ifield'><a href=\"https:\/\/www.dmsjuridica.com\/buscador_20179478954\/corteconstitucionalcronologico202454587\/t-1148-08\/\" class=\"_self pt-cv-href-thumbnail pt-cv-thumb-default\" target=\"_self\" ><\/a>\n<div class=\"pt-cv-taxoterm above_title\"><a href='https:\/\/www.dmsjuridica.com\/buscador_20179478954\/corteconstitucionalcronologico202454587\/category\/buscar-en-toda-la-corte\/2008\/tutelas-2008\/' title='Tutelas 2008' class='pt-cv-tax-tutelas-2008'>Tutelas 2008<\/a><\/div>\n<h4 class=\"pt-cv-title\"><a href=\"https:\/\/www.dmsjuridica.com\/buscador_20179478954\/corteconstitucionalcronologico202454587\/t-1148-08\/\" class=\"_self\" target=\"_self\" >T-1148-08<\/a><\/h4>\n<div class=\"pt-cv-content\"> ...<br \/><div class=\"pt-cv-rmwrap\"><a href=\"https:\/\/www.dmsjuridica.com\/buscador_20179478954\/corteconstitucionalcronologico202454587\/t-1148-08\/\" class=\"_self pt-cv-readmore btn btn-success\" target=\"_self\">Ver Sentencia Completa...<\/a><\/div><\/div><\/div><\/div>\n<div class=\"col-md-12 col-sm-12 col-xs-12 pt-cv-content-item pt-cv-1-col\" ><div class='pt-cv-ifield'><a href=\"https:\/\/www.dmsjuridica.com\/buscador_20179478954\/corteconstitucionalcronologico202454587\/t-1147-08\/\" class=\"_self pt-cv-href-thumbnail pt-cv-thumb-default\" target=\"_self\" ><\/a>\n<div class=\"pt-cv-taxoterm above_title\"><a href='https:\/\/www.dmsjuridica.com\/buscador_20179478954\/corteconstitucionalcronologico202454587\/category\/buscar-en-toda-la-corte\/2008\/tutelas-2008\/' title='Tutelas 2008' class='pt-cv-tax-tutelas-2008'>Tutelas 2008<\/a><\/div>\n<h4 class=\"pt-cv-title\"><a href=\"https:\/\/www.dmsjuridica.com\/buscador_20179478954\/corteconstitucionalcronologico202454587\/t-1147-08\/\" class=\"_self\" target=\"_self\" >T-1147-08<\/a><\/h4>\n<div class=\"pt-cv-content\"> ...<br \/><div class=\"pt-cv-rmwrap\"><a href=\"https:\/\/www.dmsjuridica.com\/buscador_20179478954\/corteconstitucionalcronologico202454587\/t-1147-08\/\" class=\"_self pt-cv-readmore btn btn-success\" target=\"_self\">Ver Sentencia Completa...<\/a><\/div><\/div><\/div><\/div>\n<div class=\"col-md-12 col-sm-12 col-xs-12 pt-cv-content-item pt-cv-1-col\" ><div class='pt-cv-ifield'><a href=\"https:\/\/www.dmsjuridica.com\/buscador_20179478954\/corteconstitucionalcronologico202454587\/t-1146-08\/\" class=\"_self pt-cv-href-thumbnail pt-cv-thumb-default\" target=\"_self\" ><\/a>\n<div class=\"pt-cv-taxoterm above_title\"><a href='https:\/\/www.dmsjuridica.com\/buscador_20179478954\/corteconstitucionalcronologico202454587\/category\/buscar-en-toda-la-corte\/2008\/tutelas-2008\/' title='Tutelas 2008' class='pt-cv-tax-tutelas-2008'>Tutelas 2008<\/a><\/div>\n<h4 class=\"pt-cv-title\"><a href=\"https:\/\/www.dmsjuridica.com\/buscador_20179478954\/corteconstitucionalcronologico202454587\/t-1146-08\/\" class=\"_self\" target=\"_self\" >T-1146-08<\/a><\/h4>\n<div class=\"pt-cv-content\"> ...<br \/><div class=\"pt-cv-rmwrap\"><a href=\"https:\/\/www.dmsjuridica.com\/buscador_20179478954\/corteconstitucionalcronologico202454587\/t-1146-08\/\" class=\"_self pt-cv-readmore btn btn-success\" target=\"_self\">Ver Sentencia Completa...<\/a><\/div><\/div><\/div><\/div>\n<div class=\"col-md-12 col-sm-12 col-xs-12 pt-cv-content-item pt-cv-1-col\" ><div class='pt-cv-ifield'><a href=\"https:\/\/www.dmsjuridica.com\/buscador_20179478954\/corteconstitucionalcronologico202454587\/t-1145-08\/\" class=\"_self pt-cv-href-thumbnail pt-cv-thumb-default\" target=\"_self\" ><\/a>\n<div class=\"pt-cv-taxoterm above_title\"><a href='https:\/\/www.dmsjuridica.com\/buscador_20179478954\/corteconstitucionalcronologico202454587\/category\/buscar-en-toda-la-corte\/2008\/tutelas-2008\/' title='Tutelas 2008' class='pt-cv-tax-tutelas-2008'>Tutelas 2008<\/a><\/div>\n<h4 class=\"pt-cv-title\"><a href=\"https:\/\/www.dmsjuridica.com\/buscador_20179478954\/corteconstitucionalcronologico202454587\/t-1145-08\/\" class=\"_self\" target=\"_self\" >T-1145-08<\/a><\/h4>\n<div class=\"pt-cv-content\"> ...<br \/><div class=\"pt-cv-rmwrap\"><a href=\"https:\/\/www.dmsjuridica.com\/buscador_20179478954\/corteconstitucionalcronologico202454587\/t-1145-08\/\" class=\"_self pt-cv-readmore btn btn-success\" target=\"_self\">Ver Sentencia Completa...<\/a><\/div><\/div><\/div><\/div>\n<div class=\"col-md-12 col-sm-12 col-xs-12 pt-cv-content-item pt-cv-1-col\" ><div class='pt-cv-ifield'><a href=\"https:\/\/www.dmsjuridica.com\/buscador_20179478954\/corteconstitucionalcronologico202454587\/t-1144-08\/\" class=\"_self pt-cv-href-thumbnail pt-cv-thumb-default\" target=\"_self\" ><\/a>\n<div class=\"pt-cv-taxoterm above_title\"><a href='https:\/\/www.dmsjuridica.com\/buscador_20179478954\/corteconstitucionalcronologico202454587\/category\/buscar-en-toda-la-corte\/2008\/tutelas-2008\/' title='Tutelas 2008' class='pt-cv-tax-tutelas-2008'>Tutelas 2008<\/a><\/div>\n<h4 class=\"pt-cv-title\"><a href=\"https:\/\/www.dmsjuridica.com\/buscador_20179478954\/corteconstitucionalcronologico202454587\/t-1144-08\/\" class=\"_self\" target=\"_self\" >T-1144-08<\/a><\/h4>\n<div class=\"pt-cv-content\"> ...<br \/><div class=\"pt-cv-rmwrap\"><a href=\"https:\/\/www.dmsjuridica.com\/buscador_20179478954\/corteconstitucionalcronologico202454587\/t-1144-08\/\" class=\"_self pt-cv-readmore btn btn-success\" target=\"_self\">Ver Sentencia Completa...<\/a><\/div><\/div><\/div><\/div>\n<div class=\"col-md-12 col-sm-12 col-xs-12 pt-cv-content-item pt-cv-1-col\" ><div class='pt-cv-ifield'><a href=\"https:\/\/www.dmsjuridica.com\/buscador_20179478954\/corteconstitucionalcronologico202454587\/t-114-08\/\" class=\"_self pt-cv-href-thumbnail pt-cv-thumb-default\" target=\"_self\" ><\/a>\n<div class=\"pt-cv-taxoterm above_title\"><a href='https:\/\/www.dmsjuridica.com\/buscador_20179478954\/corteconstitucionalcronologico202454587\/category\/buscar-en-toda-la-corte\/2008\/tutelas-2008\/' title='Tutelas 2008' class='pt-cv-tax-tutelas-2008'>Tutelas 2008<\/a><\/div>\n<h4 class=\"pt-cv-title\"><a href=\"https:\/\/www.dmsjuridica.com\/buscador_20179478954\/corteconstitucionalcronologico202454587\/t-114-08\/\" class=\"_self\" target=\"_self\" >T-114-08<\/a><\/h4>\n<div class=\"pt-cv-content\">\u00a0 \u00a0 Sentencia T-114\/08 \u00a0 DERECHO A LA SALUD DE EX SOLDADO-Caso en que adquiri\u00f3 la enfermedad en el servicio\/PRINCIPIO DE CONTINUIDAD EN LA PRESTACION DE SERVICIOS DE SALUD-Diagn\u00f3stico de hepatitis viral B\u00a0 \u00a0 Aunque los organismos de sanidad del Ej\u00e9rcito Nacional trataron al soldado hasta el momento de su desvinculaci\u00f3n, ese tratamiento sirvi\u00f3 para controlar temporalmente sus condiciones, pero no logr\u00f3 la recuperaci\u00f3n deseada y, de acuerdo con lo expresado en la demanda, su estado se ha empeorado y su situaci\u00f3n actual es grave, lo cual hace pensar que era indispensable evitar la interrupci\u00f3n y asegurar la continuidad en ...<br \/><div class=\"pt-cv-rmwrap\"><a href=\"https:\/\/www.dmsjuridica.com\/buscador_20179478954\/corteconstitucionalcronologico202454587\/t-114-08\/\" class=\"_self pt-cv-readmore btn btn-success\" target=\"_self\">Ver Sentencia Completa...<\/a><\/div><\/div><\/div><\/div>\n<div class=\"col-md-12 col-sm-12 col-xs-12 pt-cv-content-item pt-cv-1-col\" ><div class='pt-cv-ifield'><a href=\"https:\/\/www.dmsjuridica.com\/buscador_20179478954\/corteconstitucionalcronologico202454587\/t-1138-08\/\" class=\"_self pt-cv-href-thumbnail pt-cv-thumb-default\" target=\"_self\" ><\/a>\n<div class=\"pt-cv-taxoterm above_title\"><a href='https:\/\/www.dmsjuridica.com\/buscador_20179478954\/corteconstitucionalcronologico202454587\/category\/buscar-en-toda-la-corte\/2008\/tutelas-2008\/' title='Tutelas 2008' class='pt-cv-tax-tutelas-2008'>Tutelas 2008<\/a><\/div>\n<h4 class=\"pt-cv-title\"><a href=\"https:\/\/www.dmsjuridica.com\/buscador_20179478954\/corteconstitucionalcronologico202454587\/t-1138-08\/\" class=\"_self\" target=\"_self\" >T-1138-08<\/a><\/h4>\n<div class=\"pt-cv-content\">\u00a0 \u00a0 Sentencia T-1138\/08 \u00a0 SEGURO OBLIGATORIO DE ACCIDENTES DE TRANSITO-Normas reguladoras \u00a0 SEGURO OBLIGATORIO DE ACCIDENTES DE TRANSITO-Alcance \u00a0 Esta Corporaci\u00f3n ha sostenido que en consonancia con los art\u00edculos 48, 49 y 335 superiores, el Seguro Obligatorio de Accidentes de Tr\u00e1nsito, SOAT, es un servicio p\u00fablico que cumple una funci\u00f3n social, pues constituye un mecanismo para garantizar la efectividad del derecho fundamental a la salud de las v\u00edctimas de un accidente de tr\u00e1nsito. En tal sentido, ha considerado que las normas que regulan el suministro de la atenci\u00f3n m\u00e9dica en estos casos, as\u00ed como el reconocimiento y pago de ...<br \/><div class=\"pt-cv-rmwrap\"><a href=\"https:\/\/www.dmsjuridica.com\/buscador_20179478954\/corteconstitucionalcronologico202454587\/t-1138-08\/\" class=\"_self pt-cv-readmore btn btn-success\" target=\"_self\">Ver Sentencia Completa...<\/a><\/div><\/div><\/div><\/div>\n<div class=\"col-md-12 col-sm-12 col-xs-12 pt-cv-content-item pt-cv-1-col\" ><div class='pt-cv-ifield'><a href=\"https:\/\/www.dmsjuridica.com\/buscador_20179478954\/corteconstitucionalcronologico202454587\/t-1137-08\/\" class=\"_self pt-cv-href-thumbnail pt-cv-thumb-default\" target=\"_self\" ><\/a>\n<div class=\"pt-cv-taxoterm above_title\"><a href='https:\/\/www.dmsjuridica.com\/buscador_20179478954\/corteconstitucionalcronologico202454587\/category\/buscar-en-toda-la-corte\/2008\/tutelas-2008\/' title='Tutelas 2008' class='pt-cv-tax-tutelas-2008'>Tutelas 2008<\/a><\/div>\n<h4 class=\"pt-cv-title\"><a href=\"https:\/\/www.dmsjuridica.com\/buscador_20179478954\/corteconstitucionalcronologico202454587\/t-1137-08\/\" class=\"_self\" target=\"_self\" >T-1137-08<\/a><\/h4>\n<div class=\"pt-cv-content\">\u00a0 \u00a0 Sentencia T-1137\/08 \u00a0 LEGITIMACION POR ACTIVA-Cualquier persona puede interponer acci\u00f3n de tutela ante vulneraci\u00f3n o amenaza de los derechos fundamentales \u00a0 DERECHO A LA INTIMIDAD-Alcance\/DERECHO A LA INTIMIDAD-N\u00facleo esencial \u00a0 DERECHO A LA INTIMIDAD-Grados en que se clasifica \u00a0 Tal como lo ha reconocido esta Corporaci\u00f3n, existen distintos grados de intimidad, a saber: (i) la personal, la cual alude a la salvaguarda del derecho del individuo a ser dejado s\u00f3lo y a reservarse los aspectos \u00edntimos de su vida \u00fanicamente para si mismo, salvo su propia voluntad de divulgarlos o publicarlos; (ii) la familiar, que responde al secreto ...<br \/><div class=\"pt-cv-rmwrap\"><a href=\"https:\/\/www.dmsjuridica.com\/buscador_20179478954\/corteconstitucionalcronologico202454587\/t-1137-08\/\" class=\"_self pt-cv-readmore btn btn-success\" target=\"_self\">Ver Sentencia Completa...<\/a><\/div><\/div><\/div><\/div>\n<div class=\"col-md-12 col-sm-12 col-xs-12 pt-cv-content-item pt-cv-1-col\" ><div class='pt-cv-ifield'><a href=\"https:\/\/www.dmsjuridica.com\/buscador_20179478954\/corteconstitucionalcronologico202454587\/t-1136-08\/\" class=\"_self pt-cv-href-thumbnail pt-cv-thumb-default\" target=\"_self\" ><\/a>\n<div class=\"pt-cv-taxoterm above_title\"><a href='https:\/\/www.dmsjuridica.com\/buscador_20179478954\/corteconstitucionalcronologico202454587\/category\/buscar-en-toda-la-corte\/2008\/tutelas-2008\/' title='Tutelas 2008' class='pt-cv-tax-tutelas-2008'>Tutelas 2008<\/a><\/div>\n<h4 class=\"pt-cv-title\"><a href=\"https:\/\/www.dmsjuridica.com\/buscador_20179478954\/corteconstitucionalcronologico202454587\/t-1136-08\/\" class=\"_self\" target=\"_self\" >T-1136-08<\/a><\/h4>\n<div class=\"pt-cv-content\">\u00a0 \u00a0 Sentencia T-1136\/08 \u00a0 INDEXACION-Finalidad \u00a0 DERECHO A LA INDEXACION DE LA PRIMERA MESADA PENSIONAL-Alcance \u00a0 INDEXACION DE LA PRIMERA MESADA PENSIONAL-Procedencia de tutela \u00a0 INDEXACION DE LA PRIMERA MESADA PENSIONAL-Fundamento constitucional \u00a0 ACCION DE TUTELA-Orden de reliquidar el monto de la primera mesada pensional \u00a0 Referencia: expediente T-2037670 \u00a0 Acci\u00f3n de tutela instaurada por Pedro Luis Caballero contra el Tribunal Superior de Bogot\u00e1 \u2013 Sala Laboral -, el Juzgado Doce Laboral del Circuito de Bogot\u00e1 y el Banco Popular.\u00a0 \u00a0 Magistrado Ponente: \u00a0 Dr. MANUEL JOS\u00c9 CEPEDA ESPINOSA \u00a0 Bogot\u00e1 D.C., catorce (14) de noviembre de dos mil ...<br \/><div class=\"pt-cv-rmwrap\"><a href=\"https:\/\/www.dmsjuridica.com\/buscador_20179478954\/corteconstitucionalcronologico202454587\/t-1136-08\/\" class=\"_self pt-cv-readmore btn btn-success\" target=\"_self\">Ver Sentencia Completa...<\/a><\/div><\/div><\/div><\/div>\n<div class=\"col-md-12 col-sm-12 col-xs-12 pt-cv-content-item pt-cv-1-col\" ><div class='pt-cv-ifield'><a href=\"https:\/\/www.dmsjuridica.com\/buscador_20179478954\/corteconstitucionalcronologico202454587\/t-1135-08\/\" class=\"_self pt-cv-href-thumbnail pt-cv-thumb-default\" target=\"_self\" ><\/a>\n<div class=\"pt-cv-taxoterm above_title\"><a href='https:\/\/www.dmsjuridica.com\/buscador_20179478954\/corteconstitucionalcronologico202454587\/category\/buscar-en-toda-la-corte\/2008\/tutelas-2008\/' title='Tutelas 2008' class='pt-cv-tax-tutelas-2008'>Tutelas 2008<\/a><\/div>\n<h4 class=\"pt-cv-title\"><a href=\"https:\/\/www.dmsjuridica.com\/buscador_20179478954\/corteconstitucionalcronologico202454587\/t-1135-08\/\" class=\"_self\" target=\"_self\" >T-1135-08<\/a><\/h4>\n<div class=\"pt-cv-content\">\u00a0 \u00a0 Sentencia T-1135\/08\u00a0 \u00a0 DESPLAZADOS INTERNOS-Sujetos de especial protecci\u00f3n constitucional \u00a0 DERECHOS DE LAS VICTIMAS A LA VERDAD JUSTICIA Y REPARACION-Protecci\u00f3n integral \u00a0 En materia de su protecci\u00f3n como v\u00edctimas de un delito, la Corte ha se\u00f1alado la obligaci\u00f3n que tienen las autoridades encargadas de su atenci\u00f3n integral de (i) informar sobre sus derechos a las v\u00edctimas de desplazamiento y de otros delitos; (ii) acompa\u00f1arlos efectivamente para que puedan hacer valer sus derechos a la verdad, a la justicia y a la reparaci\u00f3n integral; (iii) denunciar ante las respectivas autoridades judiciales la ocurrencia de tales delitos para que se ...<br \/><div class=\"pt-cv-rmwrap\"><a href=\"https:\/\/www.dmsjuridica.com\/buscador_20179478954\/corteconstitucionalcronologico202454587\/t-1135-08\/\" class=\"_self pt-cv-readmore btn btn-success\" target=\"_self\">Ver Sentencia Completa...<\/a><\/div><\/div><\/div><\/div>\n<div class=\"col-md-12 col-sm-12 col-xs-12 pt-cv-content-item pt-cv-1-col\" ><div class='pt-cv-ifield'><a href=\"https:\/\/www.dmsjuridica.com\/buscador_20179478954\/corteconstitucionalcronologico202454587\/t-1134-08\/\" class=\"_self pt-cv-href-thumbnail pt-cv-thumb-default\" target=\"_self\" ><\/a>\n<div class=\"pt-cv-taxoterm above_title\"><a href='https:\/\/www.dmsjuridica.com\/buscador_20179478954\/corteconstitucionalcronologico202454587\/category\/buscar-en-toda-la-corte\/2008\/tutelas-2008\/' title='Tutelas 2008' class='pt-cv-tax-tutelas-2008'>Tutelas 2008<\/a><\/div>\n<h4 class=\"pt-cv-title\"><a href=\"https:\/\/www.dmsjuridica.com\/buscador_20179478954\/corteconstitucionalcronologico202454587\/t-1134-08\/\" class=\"_self\" target=\"_self\" >T-1134-08<\/a><\/h4>\n<div class=\"pt-cv-content\">\u00a0 \u00a0 Sentencia T-1134\/08 \u00a0 DESPLAZADOS INTERNOS-Sujetos de especial protecci\u00f3n constitucional \u00a0 VICTIMA DE DESPLAZAMIENTO INTERNO-Razones por las cuales se encuentran en situaci\u00f3n de particular vulnerabilidad que les confiere el car\u00e1cter de sujetos de especial protecci\u00f3n constitucional \u00a0 DERECHOS DE LOS DESPLAZADOS-Ordenes proferidas por la Corte Constitucional para su protecci\u00f3n \u00a0 POBLACION DESPLAZADA-Pr\u00f3rroga del t\u00e9rmino para solicitar la ayuda humanitaria de emergencia \u00a0 AYUDA HUMANITARIA-Se ordena a Acci\u00f3n Social aplicar la presunci\u00f3n constitucional de pr\u00f3rroga autom\u00e1tica de la ayuda humanitaria de emergencia de acuerdo con el Auto 092 de 2008 \u00a0 AYUDA HUMANITARIA-Se ordena a Acci\u00f3n Social adoptar las medidas ...<br \/><div class=\"pt-cv-rmwrap\"><a href=\"https:\/\/www.dmsjuridica.com\/buscador_20179478954\/corteconstitucionalcronologico202454587\/t-1134-08\/\" class=\"_self pt-cv-readmore btn btn-success\" target=\"_self\">Ver Sentencia Completa...<\/a><\/div><\/div><\/div><\/div>\n<div class=\"col-md-12 col-sm-12 col-xs-12 pt-cv-content-item pt-cv-1-col\" ><div class='pt-cv-ifield'><a href=\"https:\/\/www.dmsjuridica.com\/buscador_20179478954\/corteconstitucionalcronologico202454587\/t-1133-08\/\" class=\"_self pt-cv-href-thumbnail pt-cv-thumb-default\" target=\"_self\" ><\/a>\n<div class=\"pt-cv-taxoterm above_title\"><a href='https:\/\/www.dmsjuridica.com\/buscador_20179478954\/corteconstitucionalcronologico202454587\/category\/buscar-en-toda-la-corte\/2008\/tutelas-2008\/' title='Tutelas 2008' class='pt-cv-tax-tutelas-2008'>Tutelas 2008<\/a><\/div>\n<h4 class=\"pt-cv-title\"><a href=\"https:\/\/www.dmsjuridica.com\/buscador_20179478954\/corteconstitucionalcronologico202454587\/t-1133-08\/\" class=\"_self\" target=\"_self\" >T-1133-08<\/a><\/h4>\n<div class=\"pt-cv-content\">\u00a0 \u00a0 Sentencia T-1133\/08 \u00a0 \u00a0 \u00a0 \u00a0 \u00a0DERECHO A LA SEGURIDAD SOCIAL EN SALUD-Vulneraci\u00f3n cuando se niega el suministro de un medicamento o servicio m\u00e9dico que se requiera con necesidad tanto en el r\u00e9gimen contributivo o subsidiado \u00a0 DERECHO A LA SALUD-Procedimientos y servicios que est\u00e1n fuera del POS deber\u00e1n ser cubiertos por los entes territoriales correspondientes \u00a0 ENTIDAD PROMOTORA DE SALUD-Sanci\u00f3n a las EPS cuando no han prestado oportunamente el servicio de salud fuera del POS-POSS y \u00e9ste ha sido concedido mediante tutela \u00a0 SISTEMA DE SEGURIDAD SOCIAL EN SALUD-Integralidad \u00a0 DERECHO A LA SALUD-Orden de atenci\u00f3n del ...<br \/><div class=\"pt-cv-rmwrap\"><a href=\"https:\/\/www.dmsjuridica.com\/buscador_20179478954\/corteconstitucionalcronologico202454587\/t-1133-08\/\" class=\"_self pt-cv-readmore btn btn-success\" target=\"_self\">Ver Sentencia Completa...<\/a><\/div><\/div><\/div><\/div>\n<div class=\"col-md-12 col-sm-12 col-xs-12 pt-cv-content-item pt-cv-1-col\" ><div class='pt-cv-ifield'><a href=\"https:\/\/www.dmsjuridica.com\/buscador_20179478954\/corteconstitucionalcronologico202454587\/t-1132-08\/\" class=\"_self pt-cv-href-thumbnail pt-cv-thumb-default\" target=\"_self\" ><\/a>\n<div class=\"pt-cv-taxoterm above_title\"><a href='https:\/\/www.dmsjuridica.com\/buscador_20179478954\/corteconstitucionalcronologico202454587\/category\/buscar-en-toda-la-corte\/2008\/tutelas-2008\/' title='Tutelas 2008' class='pt-cv-tax-tutelas-2008'>Tutelas 2008<\/a><\/div>\n<h4 class=\"pt-cv-title\"><a href=\"https:\/\/www.dmsjuridica.com\/buscador_20179478954\/corteconstitucionalcronologico202454587\/t-1132-08\/\" class=\"_self\" target=\"_self\" >T-1132-08<\/a><\/h4>\n<div class=\"pt-cv-content\">\u00a0 \u00a0 Sentencia T-1132\/08 \u00a0 DERECHO A LA PENSION DE SOBREVIVIENTES-Significado y finalidad \u00a0 PENSION DE SOBREVIVIENTES-Hijos mayores de dieciocho a\u00f1os y hasta veinticinco a\u00f1os incapacitados para trabajar por estudios \u00a0 PENSION DE SOBREVIVIENTES-Suspensi\u00f3n en el pago de mesadas una vez demostrada la calidad de estudiante genera una ostensible violaci\u00f3n de derechos fundamentales \u00a0 ACCION DE TUTELA-Hecho superado no obsta para que la Corte se pronuncie \u00a0 DERECHO A LA SUSTITUCION PENSIONAL POR ESTUDIOS-Protecci\u00f3n especial\u00a0 \u00a0 PENSION DE SOBREVIVIENTES-Suspensi\u00f3n a hijo mayor de dieciocho a\u00f1os que se encuentra estudiando \u00a0 Referencia: expediente T-1.990.756 \u00a0 Acci\u00f3n de tutela instaurada por Andr\u00e9s ...<br \/><div class=\"pt-cv-rmwrap\"><a href=\"https:\/\/www.dmsjuridica.com\/buscador_20179478954\/corteconstitucionalcronologico202454587\/t-1132-08\/\" class=\"_self pt-cv-readmore btn btn-success\" target=\"_self\">Ver Sentencia Completa...<\/a><\/div><\/div><\/div><\/div>\n<div class=\"col-md-12 col-sm-12 col-xs-12 pt-cv-content-item pt-cv-1-col\" ><div class='pt-cv-ifield'><a href=\"https:\/\/www.dmsjuridica.com\/buscador_20179478954\/corteconstitucionalcronologico202454587\/t-1131-08\/\" class=\"_self pt-cv-href-thumbnail pt-cv-thumb-default\" target=\"_self\" ><\/a>\n<div class=\"pt-cv-taxoterm above_title\"><a href='https:\/\/www.dmsjuridica.com\/buscador_20179478954\/corteconstitucionalcronologico202454587\/category\/buscar-en-toda-la-corte\/2008\/tutelas-2008\/' title='Tutelas 2008' class='pt-cv-tax-tutelas-2008'>Tutelas 2008<\/a><\/div>\n<h4 class=\"pt-cv-title\"><a href=\"https:\/\/www.dmsjuridica.com\/buscador_20179478954\/corteconstitucionalcronologico202454587\/t-1131-08\/\" class=\"_self\" target=\"_self\" >T-1131-08<\/a><\/h4>\n<div class=\"pt-cv-content\"> ...<br \/><div class=\"pt-cv-rmwrap\"><a href=\"https:\/\/www.dmsjuridica.com\/buscador_20179478954\/corteconstitucionalcronologico202454587\/t-1131-08\/\" class=\"_self pt-cv-readmore btn btn-success\" target=\"_self\">Ver Sentencia Completa...<\/a><\/div><\/div><\/div><\/div>\n<div class=\"col-md-12 col-sm-12 col-xs-12 pt-cv-content-item pt-cv-1-col\" ><div class='pt-cv-ifield'><a href=\"https:\/\/www.dmsjuridica.com\/buscador_20179478954\/corteconstitucionalcronologico202454587\/t-1130-08\/\" class=\"_self pt-cv-href-thumbnail pt-cv-thumb-default\" target=\"_self\" ><\/a>\n<div class=\"pt-cv-taxoterm above_title\"><a href='https:\/\/www.dmsjuridica.com\/buscador_20179478954\/corteconstitucionalcronologico202454587\/category\/buscar-en-toda-la-corte\/2008\/tutelas-2008\/' title='Tutelas 2008' class='pt-cv-tax-tutelas-2008'>Tutelas 2008<\/a><\/div>\n<h4 class=\"pt-cv-title\"><a href=\"https:\/\/www.dmsjuridica.com\/buscador_20179478954\/corteconstitucionalcronologico202454587\/t-1130-08\/\" class=\"_self\" target=\"_self\" >T-1130-08<\/a><\/h4>\n<div class=\"pt-cv-content\">\u00a0 \u00a0 Sentencia T-1130\/08 \u00a0 DERECHO DE PETICION-Alcance y pronta resoluci\u00f3n \u00a0 DERECHO DE PETICION-Prohibici\u00f3n de respuestas evasivas o abstractas \u00a0 ACCION DE TUTELA-Hecho superado por cuanto se resolvi\u00f3 derecho de petici\u00f3n \u00a0 Referencia: expediente T- 2\u2019025.116 \u00a0 Peticionario: Juli\u00e1n Alberto Cifuentes Men\u00e9ndez. \u00a0 Accionado: Subdirecci\u00f3n General de la Polic\u00eda Nacional. \u00a0 Magistrado Ponente:\u00a0 \u00a0 Dr. MARCO GERARDO MONROY CABRA \u00a0 Bogot\u00e1, D.C., trece (13) de noviembre de dos mil ocho (2008) \u00a0 La Sala Sexta de Revisi\u00f3n de tutelas de la Corte Constitucional, integrada por los Magistrados Humberto Antonio Sierra Porto, Nilson Pinilla Pinilla y Marco Gerardo Monroy Cabra, ...<br \/><div class=\"pt-cv-rmwrap\"><a href=\"https:\/\/www.dmsjuridica.com\/buscador_20179478954\/corteconstitucionalcronologico202454587\/t-1130-08\/\" class=\"_self pt-cv-readmore btn btn-success\" target=\"_self\">Ver Sentencia Completa...<\/a><\/div><\/div><\/div><\/div>\n<div class=\"col-md-12 col-sm-12 col-xs-12 pt-cv-content-item pt-cv-1-col\" ><div class='pt-cv-ifield'><a href=\"https:\/\/www.dmsjuridica.com\/buscador_20179478954\/corteconstitucionalcronologico202454587\/t-113-08\/\" class=\"_self pt-cv-href-thumbnail pt-cv-thumb-default\" target=\"_self\" ><\/a>\n<div class=\"pt-cv-taxoterm above_title\"><a href='https:\/\/www.dmsjuridica.com\/buscador_20179478954\/corteconstitucionalcronologico202454587\/category\/buscar-en-toda-la-corte\/2008\/tutelas-2008\/' title='Tutelas 2008' class='pt-cv-tax-tutelas-2008'>Tutelas 2008<\/a><\/div>\n<h4 class=\"pt-cv-title\"><a href=\"https:\/\/www.dmsjuridica.com\/buscador_20179478954\/corteconstitucionalcronologico202454587\/t-113-08\/\" class=\"_self\" target=\"_self\" >T-113-08<\/a><\/h4>\n<div class=\"pt-cv-content\">DERECHO A LA ESTABILIDAD LABORAL REFORZADA DE MUJER EMBARAZADA \u00a0 MUJER EMBARAZADA-Protecci\u00f3n constitucional especial \u00a0 MUJER EMBARAZADA EN CONTRATO DE PRESTACION DE SERVICIOS \u00a0 DERECHO A LA ESTABILIDAD LABORAL REFORZADA DE MUJER EMBARAZADA-Presunci\u00f3n del despido por motivo del estado de embarazo \u00a0 De la documentaci\u00f3n obrante en el expediente no se observa prueba alguna que permita establecer cu\u00e1les fueron los motivos por el cual el accionado decide prescindir de los servicios de la tutelante, ya que ni en la respuesta a la petici\u00f3n presentada por la se\u00f1ora ni en el escrito de contestaci\u00f3n, el hospital expone la raz\u00f3n de la ...<br \/><div class=\"pt-cv-rmwrap\"><a href=\"https:\/\/www.dmsjuridica.com\/buscador_20179478954\/corteconstitucionalcronologico202454587\/t-113-08\/\" class=\"_self pt-cv-readmore btn btn-success\" target=\"_self\">Ver Sentencia Completa...<\/a><\/div><\/div><\/div><\/div>\n<div class=\"col-md-12 col-sm-12 col-xs-12 pt-cv-content-item pt-cv-1-col\" ><div class='pt-cv-ifield'><a href=\"https:\/\/www.dmsjuridica.com\/buscador_20179478954\/corteconstitucionalcronologico202454587\/t-1129-08\/\" class=\"_self pt-cv-href-thumbnail pt-cv-thumb-default\" target=\"_self\" ><\/a>\n<div class=\"pt-cv-taxoterm above_title\"><a href='https:\/\/www.dmsjuridica.com\/buscador_20179478954\/corteconstitucionalcronologico202454587\/category\/buscar-en-toda-la-corte\/2008\/tutelas-2008\/' title='Tutelas 2008' class='pt-cv-tax-tutelas-2008'>Tutelas 2008<\/a><\/div>\n<h4 class=\"pt-cv-title\"><a href=\"https:\/\/www.dmsjuridica.com\/buscador_20179478954\/corteconstitucionalcronologico202454587\/t-1129-08\/\" class=\"_self\" target=\"_self\" >T-1129-08<\/a><\/h4>\n<div class=\"pt-cv-content\">\u00a0 \u00a0 Sentencia T-1129\/08 \u00a0 TRASLADO DE USUARIOS DEL SISTEMA GENERAL DE SEGURIDAD SOCIAL EN SALUD-Tratamiento m\u00e9dico en otra ciudad \u00a0 DERECHO A LA SALUD DEL NI\u00d1O-Gastos de transporte para el menor y su madre a otra ciudad \u00a0 DERECHO A LA SALUD DEL NI\u00d1O-Orden a EPS para autorizar los gastos de transporte para menor y su acompa\u00f1ante a otra ciudad \u00a0 Referencia: expediente T-1.993.125 \u00a0 Accionante: Rene Montero Romero en representaci\u00f3n de su menor hija Luna del Mar \u00a0Montero Ortiz. \u00a0 Accionado: Solsalud EPS. \u00a0 Magistrado Ponente: \u00a0 Dr. RODRIGO ESCOBAR GIL \u00a0 Bogot\u00e1, D. C., doce (12) de ...<br \/><div class=\"pt-cv-rmwrap\"><a href=\"https:\/\/www.dmsjuridica.com\/buscador_20179478954\/corteconstitucionalcronologico202454587\/t-1129-08\/\" class=\"_self pt-cv-readmore btn btn-success\" target=\"_self\">Ver Sentencia Completa...<\/a><\/div><\/div><\/div><\/div>\n<div class=\"col-md-12 col-sm-12 col-xs-12 pt-cv-content-item pt-cv-1-col\" ><div class='pt-cv-ifield'><a href=\"https:\/\/www.dmsjuridica.com\/buscador_20179478954\/corteconstitucionalcronologico202454587\/t-1128-08\/\" class=\"_self pt-cv-href-thumbnail pt-cv-thumb-default\" target=\"_self\" ><\/a>\n<div class=\"pt-cv-taxoterm above_title\"><a href='https:\/\/www.dmsjuridica.com\/buscador_20179478954\/corteconstitucionalcronologico202454587\/category\/buscar-en-toda-la-corte\/2008\/tutelas-2008\/' title='Tutelas 2008' class='pt-cv-tax-tutelas-2008'>Tutelas 2008<\/a><\/div>\n<h4 class=\"pt-cv-title\"><a href=\"https:\/\/www.dmsjuridica.com\/buscador_20179478954\/corteconstitucionalcronologico202454587\/t-1128-08\/\" class=\"_self\" target=\"_self\" >T-1128-08<\/a><\/h4>\n<div class=\"pt-cv-content\">\u00a0 \u00a0 Sentencia T-1128\/08 \u00a0 DERECHO DE PETICION-Alcance y contenido de la respuesta \u00a0 DERECHO DE PETICION EN MATERIA PENSIONAL-T\u00e9rminos para respuesta oportuna \u00a0 DERECHO DE PETICION EN MATERIA PENSIONAL-T\u00e9rmino de seis meses para resolver solicitudes en concreto y pago de la prestaci\u00f3n correspondiente \u00a0 ACCION DE TUTELA Y DERECHO DE PETICION EN MATERIA PENSIONAL-Procedencia por incumplimiento de los plazos para resolver de fondo las solicitudes elevadas \u00a0 Referencia: expediente: T-1.987.512 \u00a0 Accionante: Nelson Dar\u00edo Rodr\u00edguez Ria\u00f1o en representaci\u00f3n de Pilar Milena Rodr\u00edguez Ria\u00f1o. \u00a0 Accionado: Seguro Social -Pensiones-, Seccional Cundinamarca \u00a0 Magistrado Ponente: \u00a0 Dr. RODRIGO ESCOBAR GIL \u00a0 ...<br \/><div class=\"pt-cv-rmwrap\"><a href=\"https:\/\/www.dmsjuridica.com\/buscador_20179478954\/corteconstitucionalcronologico202454587\/t-1128-08\/\" class=\"_self pt-cv-readmore btn btn-success\" target=\"_self\">Ver Sentencia Completa...<\/a><\/div><\/div><\/div><\/div>\n<div class=\"col-md-12 col-sm-12 col-xs-12 pt-cv-content-item pt-cv-1-col\" ><div class='pt-cv-ifield'><a href=\"https:\/\/www.dmsjuridica.com\/buscador_20179478954\/corteconstitucionalcronologico202454587\/t-1127-08\/\" class=\"_self pt-cv-href-thumbnail pt-cv-thumb-default\" target=\"_self\" ><\/a>\n<div class=\"pt-cv-taxoterm above_title\"><a href='https:\/\/www.dmsjuridica.com\/buscador_20179478954\/corteconstitucionalcronologico202454587\/category\/buscar-en-toda-la-corte\/2008\/tutelas-2008\/' title='Tutelas 2008' class='pt-cv-tax-tutelas-2008'>Tutelas 2008<\/a><\/div>\n<h4 class=\"pt-cv-title\"><a href=\"https:\/\/www.dmsjuridica.com\/buscador_20179478954\/corteconstitucionalcronologico202454587\/t-1127-08\/\" class=\"_self\" target=\"_self\" >T-1127-08<\/a><\/h4>\n<div class=\"pt-cv-content\"> ...<br \/><div class=\"pt-cv-rmwrap\"><a href=\"https:\/\/www.dmsjuridica.com\/buscador_20179478954\/corteconstitucionalcronologico202454587\/t-1127-08\/\" class=\"_self pt-cv-readmore btn btn-success\" target=\"_self\">Ver Sentencia Completa...<\/a><\/div><\/div><\/div><\/div>\n<div class=\"col-md-12 col-sm-12 col-xs-12 pt-cv-content-item pt-cv-1-col\" ><div class='pt-cv-ifield'><a href=\"https:\/\/www.dmsjuridica.com\/buscador_20179478954\/corteconstitucionalcronologico202454587\/t-112-08\/\" class=\"_self pt-cv-href-thumbnail pt-cv-thumb-default\" target=\"_self\" ><\/a>\n<div class=\"pt-cv-taxoterm above_title\"><a href='https:\/\/www.dmsjuridica.com\/buscador_20179478954\/corteconstitucionalcronologico202454587\/category\/buscar-en-toda-la-corte\/2008\/tutelas-2008\/' title='Tutelas 2008' class='pt-cv-tax-tutelas-2008'>Tutelas 2008<\/a><\/div>\n<h4 class=\"pt-cv-title\"><a href=\"https:\/\/www.dmsjuridica.com\/buscador_20179478954\/corteconstitucionalcronologico202454587\/t-112-08\/\" class=\"_self\" target=\"_self\" >T-112-08<\/a><\/h4>\n<div class=\"pt-cv-content\">DERECHO A LA SALUD-Tratamiento integral para la obesidad m\u00f3rbida \u00a0 La Corte ordenar\u00e1 a la EPS que conforme un grupo interdisciplinario de m\u00e9dicos para que eval\u00faen el caso de la peticionaria a fin de determinar el procedimiento a seguir para el tratamiento de la obesidad m\u00f3rbida que padece. En el evento en que el concepto incluya practicar la cirug\u00eda bari\u00e1trica por laparoscopia se deber\u00e1 informar a la accionante para que preste su consentimiento. Una vez obtenido el consentimiento informado de la paciente, la entidad promotora de salud dentro de las cuarenta y ocho (48) horas siguientes autorizar\u00e1 y gestionar\u00e1 la ...<br \/><div class=\"pt-cv-rmwrap\"><a href=\"https:\/\/www.dmsjuridica.com\/buscador_20179478954\/corteconstitucionalcronologico202454587\/t-112-08\/\" class=\"_self pt-cv-readmore btn btn-success\" target=\"_self\">Ver Sentencia Completa...<\/a><\/div><\/div><\/div><\/div>\n<div class=\"col-md-12 col-sm-12 col-xs-12 pt-cv-content-item pt-cv-1-col\" ><div class='pt-cv-ifield'><a href=\"https:\/\/www.dmsjuridica.com\/buscador_20179478954\/corteconstitucionalcronologico202454587\/t-1119-08\/\" class=\"_self pt-cv-href-thumbnail pt-cv-thumb-default\" target=\"_self\" ><\/a>\n<div class=\"pt-cv-taxoterm above_title\"><a href='https:\/\/www.dmsjuridica.com\/buscador_20179478954\/corteconstitucionalcronologico202454587\/category\/buscar-en-toda-la-corte\/2008\/tutelas-2008\/' title='Tutelas 2008' class='pt-cv-tax-tutelas-2008'>Tutelas 2008<\/a><\/div>\n<h4 class=\"pt-cv-title\"><a href=\"https:\/\/www.dmsjuridica.com\/buscador_20179478954\/corteconstitucionalcronologico202454587\/t-1119-08\/\" class=\"_self\" target=\"_self\" >T-1119-08<\/a><\/h4>\n<div class=\"pt-cv-content\">\u00a0 \u00a0 \u00a0 \u00a0 ACCION DE TUTELA-Procedencia excepcional para ordenar reintegro al cargo de trabajadores discapacitados despedidos sin la autorizaci\u00f3n previa del Ministerio de Protecci\u00f3n Social \u00a0 COOPERATIVAS DE TRABAJO ASOCIADO-Protecci\u00f3n de derechos fundamentales de trabajadores \u00a0 SUBORDINACION DEL TRABAJADOR EN CONTRATO DE ASOCIACION-Deber de la empresa usuaria de coordinar arm\u00f3nicamente con la cooperativa, las entidades del Sistema de Seguridad Social integral y con el trabajador su proceso de recuperaci\u00f3n y rehabilitaci\u00f3n \u00a0 En sentencia anterior, esta Corte se\u00f1al\u00f3 que el tercero que contrata los servicios de una cooperativa de trabajo funge como empleador, pues lejos de tener una relaci\u00f3n ...<br \/><div class=\"pt-cv-rmwrap\"><a href=\"https:\/\/www.dmsjuridica.com\/buscador_20179478954\/corteconstitucionalcronologico202454587\/t-1119-08\/\" class=\"_self pt-cv-readmore btn btn-success\" target=\"_self\">Ver Sentencia Completa...<\/a><\/div><\/div><\/div><\/div>\n<div class=\"col-md-12 col-sm-12 col-xs-12 pt-cv-content-item pt-cv-1-col\" ><div class='pt-cv-ifield'><a href=\"https:\/\/www.dmsjuridica.com\/buscador_20179478954\/corteconstitucionalcronologico202454587\/t-1118-08\/\" class=\"_self pt-cv-href-thumbnail pt-cv-thumb-default\" target=\"_self\" ><\/a>\n<div class=\"pt-cv-taxoterm above_title\"><a href='https:\/\/www.dmsjuridica.com\/buscador_20179478954\/corteconstitucionalcronologico202454587\/category\/buscar-en-toda-la-corte\/2008\/tutelas-2008\/' title='Tutelas 2008' class='pt-cv-tax-tutelas-2008'>Tutelas 2008<\/a><\/div>\n<h4 class=\"pt-cv-title\"><a href=\"https:\/\/www.dmsjuridica.com\/buscador_20179478954\/corteconstitucionalcronologico202454587\/t-1118-08\/\" class=\"_self\" target=\"_self\" >T-1118-08<\/a><\/h4>\n<div class=\"pt-cv-content\"> ...<br \/><div class=\"pt-cv-rmwrap\"><a href=\"https:\/\/www.dmsjuridica.com\/buscador_20179478954\/corteconstitucionalcronologico202454587\/t-1118-08\/\" class=\"_self pt-cv-readmore btn btn-success\" target=\"_self\">Ver Sentencia Completa...<\/a><\/div><\/div><\/div><\/div>\n<div class=\"col-md-12 col-sm-12 col-xs-12 pt-cv-content-item pt-cv-1-col\" ><div class='pt-cv-ifield'><a href=\"https:\/\/www.dmsjuridica.com\/buscador_20179478954\/corteconstitucionalcronologico202454587\/t-1117-08\/\" class=\"_self pt-cv-href-thumbnail pt-cv-thumb-default\" target=\"_self\" ><\/a>\n<div class=\"pt-cv-taxoterm above_title\"><a href='https:\/\/www.dmsjuridica.com\/buscador_20179478954\/corteconstitucionalcronologico202454587\/category\/buscar-en-toda-la-corte\/2008\/tutelas-2008\/' title='Tutelas 2008' class='pt-cv-tax-tutelas-2008'>Tutelas 2008<\/a><\/div>\n<h4 class=\"pt-cv-title\"><a href=\"https:\/\/www.dmsjuridica.com\/buscador_20179478954\/corteconstitucionalcronologico202454587\/t-1117-08\/\" class=\"_self\" target=\"_self\" >T-1117-08<\/a><\/h4>\n<div class=\"pt-cv-content\"> ...<br \/><div class=\"pt-cv-rmwrap\"><a href=\"https:\/\/www.dmsjuridica.com\/buscador_20179478954\/corteconstitucionalcronologico202454587\/t-1117-08\/\" class=\"_self pt-cv-readmore btn btn-success\" target=\"_self\">Ver Sentencia Completa...<\/a><\/div><\/div><\/div><\/div>\n<div class=\"col-md-12 col-sm-12 col-xs-12 pt-cv-content-item pt-cv-1-col\" ><div class='pt-cv-ifield'><a href=\"https:\/\/www.dmsjuridica.com\/buscador_20179478954\/corteconstitucionalcronologico202454587\/t-1116-08\/\" class=\"_self pt-cv-href-thumbnail pt-cv-thumb-default\" target=\"_self\" ><\/a>\n<div class=\"pt-cv-taxoterm above_title\"><a href='https:\/\/www.dmsjuridica.com\/buscador_20179478954\/corteconstitucionalcronologico202454587\/category\/buscar-en-toda-la-corte\/2008\/tutelas-2008\/' title='Tutelas 2008' class='pt-cv-tax-tutelas-2008'>Tutelas 2008<\/a><\/div>\n<h4 class=\"pt-cv-title\"><a href=\"https:\/\/www.dmsjuridica.com\/buscador_20179478954\/corteconstitucionalcronologico202454587\/t-1116-08\/\" class=\"_self\" target=\"_self\" >T-1116-08<\/a><\/h4>\n<div class=\"pt-cv-content\">\u00a0 \u00a0 Sentencia T-1116\/08 \u00a0 SISTEMA DE SEGURIDAD SOCIAL EN SALUD-Deber de brindar la atenci\u00f3n en salud que se requiera para tratar efectivamente el problema de drogadicci\u00f3n cr\u00f3nica \u00a0 Recientemente esta Corporaci\u00f3n, en la sentencia T-814 de 2008 (MP Rodrigo Escobar Gil), recogiendo la jurisprudencia constitucional en la materia, afirm\u00f3 que la atenci\u00f3n en salud que se requiera para tratar efectivamente un problema de drogadicci\u00f3n cr\u00f3nica, debe ser brindada por el Sistema integral de seguridad social en salud, bien a trav\u00e9s de las empresas promotoras de salud de los reg\u00edmenes contributivo y subsidiado o mediante instituciones p\u00fablicas o privadas que ...<br \/><div class=\"pt-cv-rmwrap\"><a href=\"https:\/\/www.dmsjuridica.com\/buscador_20179478954\/corteconstitucionalcronologico202454587\/t-1116-08\/\" class=\"_self pt-cv-readmore btn btn-success\" target=\"_self\">Ver Sentencia Completa...<\/a><\/div><\/div><\/div><\/div>\n<div class=\"col-md-12 col-sm-12 col-xs-12 pt-cv-content-item pt-cv-1-col\" ><div class='pt-cv-ifield'><a href=\"https:\/\/www.dmsjuridica.com\/buscador_20179478954\/corteconstitucionalcronologico202454587\/t-1115-08\/\" class=\"_self pt-cv-href-thumbnail pt-cv-thumb-default\" target=\"_self\" ><\/a>\n<div class=\"pt-cv-taxoterm above_title\"><a href='https:\/\/www.dmsjuridica.com\/buscador_20179478954\/corteconstitucionalcronologico202454587\/category\/buscar-en-toda-la-corte\/2008\/tutelas-2008\/' title='Tutelas 2008' class='pt-cv-tax-tutelas-2008'>Tutelas 2008<\/a><\/div>\n<h4 class=\"pt-cv-title\"><a href=\"https:\/\/www.dmsjuridica.com\/buscador_20179478954\/corteconstitucionalcronologico202454587\/t-1115-08\/\" class=\"_self\" target=\"_self\" >T-1115-08<\/a><\/h4>\n<div class=\"pt-cv-content\"> ...<br \/><div class=\"pt-cv-rmwrap\"><a href=\"https:\/\/www.dmsjuridica.com\/buscador_20179478954\/corteconstitucionalcronologico202454587\/t-1115-08\/\" class=\"_self pt-cv-readmore btn btn-success\" target=\"_self\">Ver Sentencia Completa...<\/a><\/div><\/div><\/div><\/div>\n<div class=\"col-md-12 col-sm-12 col-xs-12 pt-cv-content-item pt-cv-1-col\" ><div class='pt-cv-ifield'><a href=\"https:\/\/www.dmsjuridica.com\/buscador_20179478954\/corteconstitucionalcronologico202454587\/t-1114-08\/\" class=\"_self pt-cv-href-thumbnail pt-cv-thumb-default\" target=\"_self\" ><\/a>\n<div class=\"pt-cv-taxoterm above_title\"><a href='https:\/\/www.dmsjuridica.com\/buscador_20179478954\/corteconstitucionalcronologico202454587\/category\/buscar-en-toda-la-corte\/2008\/tutelas-2008\/' title='Tutelas 2008' class='pt-cv-tax-tutelas-2008'>Tutelas 2008<\/a><\/div>\n<h4 class=\"pt-cv-title\"><a href=\"https:\/\/www.dmsjuridica.com\/buscador_20179478954\/corteconstitucionalcronologico202454587\/t-1114-08\/\" class=\"_self\" target=\"_self\" >T-1114-08<\/a><\/h4>\n<div class=\"pt-cv-content\"> ...<br \/><div class=\"pt-cv-rmwrap\"><a href=\"https:\/\/www.dmsjuridica.com\/buscador_20179478954\/corteconstitucionalcronologico202454587\/t-1114-08\/\" class=\"_self pt-cv-readmore btn btn-success\" target=\"_self\">Ver Sentencia Completa...<\/a><\/div><\/div><\/div><\/div>\n<div class=\"col-md-12 col-sm-12 col-xs-12 pt-cv-content-item pt-cv-1-col\" ><div class='pt-cv-ifield'><a href=\"https:\/\/www.dmsjuridica.com\/buscador_20179478954\/corteconstitucionalcronologico202454587\/t-1113-08\/\" class=\"_self pt-cv-href-thumbnail pt-cv-thumb-default\" target=\"_self\" ><\/a>\n<div class=\"pt-cv-taxoterm above_title\"><a href='https:\/\/www.dmsjuridica.com\/buscador_20179478954\/corteconstitucionalcronologico202454587\/category\/buscar-en-toda-la-corte\/2008\/tutelas-2008\/' title='Tutelas 2008' class='pt-cv-tax-tutelas-2008'>Tutelas 2008<\/a><\/div>\n<h4 class=\"pt-cv-title\"><a href=\"https:\/\/www.dmsjuridica.com\/buscador_20179478954\/corteconstitucionalcronologico202454587\/t-1113-08\/\" class=\"_self\" target=\"_self\" >T-1113-08<\/a><\/h4>\n<div class=\"pt-cv-content\">\u00a0 \u00a0 Sentencia T-1113\/08 \u00a0 DOCTRINA CONSTITUCIONAL EN TUTELA-Car\u00e1cter vinculante \u00a0 LICENCIA DE MATERNIDAD-Reiteraci\u00f3n de jurisprudencia sobre reconocimiento y pago \u00a0 LICENCIA DE MATERNIDAD-Pago oportuno \u00a0 Reiteraci\u00f3n de Jurisprudencia \u00a0 Referencia: expedientes acumulados T-1972589, T-1974929, T-1976812, T-1980269 y T-1980973.\u00a0 \u00a0 Acciones de tutela instauradas por Jacqueline Gonz\u00e1lez Correa, Marina Esther Orozco Noriega, Lury Carolina L\u00f3pez Acero, Claudia Padilla L\u00f3pez y Arkerla Marjorie Serrano Grisales contra las entidades promotoras de salud SaludTotal, Coomeva, Seguro Social y S\u00e1nitas, respectivamente. \u00a0 Magistrado Ponente: \u00a0 Dr. JAIME C\u00d3RDOBA TRIVI\u00d1O \u00a0 La Sala Tercera de Revisi\u00f3n de la Corte Constitucional, en ejercicio de sus competencias ...<br \/><div class=\"pt-cv-rmwrap\"><a href=\"https:\/\/www.dmsjuridica.com\/buscador_20179478954\/corteconstitucionalcronologico202454587\/t-1113-08\/\" class=\"_self pt-cv-readmore btn btn-success\" target=\"_self\">Ver Sentencia Completa...<\/a><\/div><\/div><\/div><\/div>\n<div class=\"col-md-12 col-sm-12 col-xs-12 pt-cv-content-item pt-cv-1-col\" ><div class='pt-cv-ifield'><a href=\"https:\/\/www.dmsjuridica.com\/buscador_20179478954\/corteconstitucionalcronologico202454587\/t-1112-08\/\" class=\"_self pt-cv-href-thumbnail pt-cv-thumb-default\" target=\"_self\" ><\/a>\n<div class=\"pt-cv-taxoterm above_title\"><a href='https:\/\/www.dmsjuridica.com\/buscador_20179478954\/corteconstitucionalcronologico202454587\/category\/buscar-en-toda-la-corte\/2008\/tutelas-2008\/' title='Tutelas 2008' class='pt-cv-tax-tutelas-2008'>Tutelas 2008<\/a><\/div>\n<h4 class=\"pt-cv-title\"><a href=\"https:\/\/www.dmsjuridica.com\/buscador_20179478954\/corteconstitucionalcronologico202454587\/t-1112-08\/\" class=\"_self\" target=\"_self\" >T-1112-08<\/a><\/h4>\n<div class=\"pt-cv-content\"> ...<br \/><div class=\"pt-cv-rmwrap\"><a href=\"https:\/\/www.dmsjuridica.com\/buscador_20179478954\/corteconstitucionalcronologico202454587\/t-1112-08\/\" class=\"_self pt-cv-readmore btn btn-success\" target=\"_self\">Ver Sentencia Completa...<\/a><\/div><\/div><\/div><\/div>\n<div class=\"col-md-12 col-sm-12 col-xs-12 pt-cv-content-item pt-cv-1-col\" ><div class='pt-cv-ifield'><a href=\"https:\/\/www.dmsjuridica.com\/buscador_20179478954\/corteconstitucionalcronologico202454587\/t-1111-08\/\" class=\"_self pt-cv-href-thumbnail pt-cv-thumb-default\" target=\"_self\" ><\/a>\n<div class=\"pt-cv-taxoterm above_title\"><a href='https:\/\/www.dmsjuridica.com\/buscador_20179478954\/corteconstitucionalcronologico202454587\/category\/buscar-en-toda-la-corte\/2008\/tutelas-2008\/' title='Tutelas 2008' class='pt-cv-tax-tutelas-2008'>Tutelas 2008<\/a><\/div>\n<h4 class=\"pt-cv-title\"><a href=\"https:\/\/www.dmsjuridica.com\/buscador_20179478954\/corteconstitucionalcronologico202454587\/t-1111-08\/\" class=\"_self\" target=\"_self\" >T-1111-08<\/a><\/h4>\n<div class=\"pt-cv-content\">\u00a0 \u00a0 SENTENCIA T-1111\/08 \u00a0 (Bogot\u00e1 DC, noviembre 6 de 2008) \u00a0 DERECHO A LA SALUD-Pr\u00e1ctica de examen de diagn\u00f3stico \u00a0 INAPLICACION DE NORMAS DEL PLAN OBLIGATORIO DE SALUD-Casos en que procede \u00a0 ACCION DE TUTELA-Hecho superado por pr\u00e1ctica de examen de diagn\u00f3stico \u00a0 \u00a0 \u00a0 \u00a0 \u00a0 \u00a0 \u00a0 \u00a0 \u00a0Referencia: expediente T-1.963.781 \u00a0 \u00a0 \u00a0 \u00a0 \u00a0 \u00a0 \u00a0 \u00a0 \u00a0Accionante: Fredys Nicol\u00e1s D\u00edaz Figueroa\u00a0 \u00a0 Accionado: COOMEVA E.P.S.\u00a0 \u00a0 Fallo de tutela objeto revisi\u00f3n: sentencia del Juez Cuarto Civil Municipal de Sincelejo (no impugnada). \u00a0 Magistrados de la Sala Quinta de Revisi\u00f3n: Mauricio Gonz\u00e1lez Cuervo, Marco Gerardo ...<br \/><div class=\"pt-cv-rmwrap\"><a href=\"https:\/\/www.dmsjuridica.com\/buscador_20179478954\/corteconstitucionalcronologico202454587\/t-1111-08\/\" class=\"_self pt-cv-readmore btn btn-success\" target=\"_self\">Ver Sentencia Completa...<\/a><\/div><\/div><\/div><\/div>\n<div class=\"col-md-12 col-sm-12 col-xs-12 pt-cv-content-item pt-cv-1-col\" ><div class='pt-cv-ifield'><a href=\"https:\/\/www.dmsjuridica.com\/buscador_20179478954\/corteconstitucionalcronologico202454587\/t-1110-08\/\" class=\"_self pt-cv-href-thumbnail pt-cv-thumb-default\" target=\"_self\" ><\/a>\n<div class=\"pt-cv-taxoterm above_title\"><a href='https:\/\/www.dmsjuridica.com\/buscador_20179478954\/corteconstitucionalcronologico202454587\/category\/buscar-en-toda-la-corte\/2008\/tutelas-2008\/' title='Tutelas 2008' class='pt-cv-tax-tutelas-2008'>Tutelas 2008<\/a><\/div>\n<h4 class=\"pt-cv-title\"><a href=\"https:\/\/www.dmsjuridica.com\/buscador_20179478954\/corteconstitucionalcronologico202454587\/t-1110-08\/\" class=\"_self\" target=\"_self\" >T-1110-08<\/a><\/h4>\n<div class=\"pt-cv-content\">\u00a0 \u00a0 SENTENCIA T-1110\/08 \u00a0 (Bogot\u00e1 D.C., noviembre 6 de 2008) \u00a0 DERECHO A LA SEGURIDAD SOCIAL EN SALUD-Protecci\u00f3n constitucional \u00a0 ACCION DE TUTELA CONTRA ENTIDAD PROMOTORA DE SALUD-Reglas de procedencia para ordenar suministro de medicamentos excluidos del POS \u00a0 ACCION DE TUTELA-Hecho superado por suministro de medicamentos \u00a0 Referencia: Expediente T-1.962.730 \u00a0 Accionante: Rosa Mar\u00eda P\u00e1jaro Sanjuanero como agente oficioso de Olga Yolanda Sanjuanero de P\u00e1jaro.\u00a0 \u00a0 Accionado: Coomeva EPS \u00a0 Fallo objeto de revisi\u00f3n: sentencia del Juzgado D\u00e9cimo Penal Municipal, del 23 de enero de 2008 (no impugnado).\u00a0 \u00a0 Magistrados de la Sala Quinta de Revisi\u00f3n: Mauricio Gonz\u00e1lez ...<br \/><div class=\"pt-cv-rmwrap\"><a href=\"https:\/\/www.dmsjuridica.com\/buscador_20179478954\/corteconstitucionalcronologico202454587\/t-1110-08\/\" class=\"_self pt-cv-readmore btn btn-success\" target=\"_self\">Ver Sentencia Completa...<\/a><\/div><\/div><\/div><\/div>\n<div class=\"col-md-12 col-sm-12 col-xs-12 pt-cv-content-item pt-cv-1-col\" ><div class='pt-cv-ifield'><a href=\"https:\/\/www.dmsjuridica.com\/buscador_20179478954\/corteconstitucionalcronologico202454587\/t-111-08\/\" class=\"_self pt-cv-href-thumbnail pt-cv-thumb-default\" target=\"_self\" ><\/a>\n<div class=\"pt-cv-taxoterm above_title\"><a href='https:\/\/www.dmsjuridica.com\/buscador_20179478954\/corteconstitucionalcronologico202454587\/category\/buscar-en-toda-la-corte\/2008\/tutelas-2008\/' title='Tutelas 2008' class='pt-cv-tax-tutelas-2008'>Tutelas 2008<\/a><\/div>\n<h4 class=\"pt-cv-title\"><a href=\"https:\/\/www.dmsjuridica.com\/buscador_20179478954\/corteconstitucionalcronologico202454587\/t-111-08\/\" class=\"_self\" target=\"_self\" >T-111-08<\/a><\/h4>\n<div class=\"pt-cv-content\">\u00a0 \u00a0 Sentencia T-111\/08 \u00a0 ACCION DE TUTELA FRENTE A ACTOS GENERALES, IMPERSONALES Y ABSTRACTOS \u00a0 ACCION DE TUTELA-Vulneraci\u00f3n o amenaza de derechos fundamentales\/ACCION DE TUTELA-Diferencias entre vulneraci\u00f3n y amenaza \u00a0 MEDIO DE DEFENSA JUDICIAL-Frente al Acuerdo 280\/07 existe otra v\u00eda \u00a0 ACCION DE TUTELA TRANSITORIA PARA EVITAR PERJUICIO IRREMEDIABLE EN CASO DE MUROS DE LA INFAMIA \u00a0 MUROS DE LA INFAMIA-Concejo de Bogot\u00e1 los concibi\u00f3 como medida administrativa orientada a divulgar una determinada informaci\u00f3n con fines preventivos \u00a0 MUROS DE LA INFAMIA Y PRINCIPIO DE PROPORCIONALIDAD \u00a0 MUROS DE LA INFAMIA Y EJERCICIO DE PONDERACION DE DERECHOS EN TENSION ...<br \/><div class=\"pt-cv-rmwrap\"><a href=\"https:\/\/www.dmsjuridica.com\/buscador_20179478954\/corteconstitucionalcronologico202454587\/t-111-08\/\" class=\"_self pt-cv-readmore btn btn-success\" target=\"_self\">Ver Sentencia Completa...<\/a><\/div><\/div><\/div><\/div>\n<div class=\"col-md-12 col-sm-12 col-xs-12 pt-cv-content-item pt-cv-1-col\" ><div class='pt-cv-ifield'><a href=\"https:\/\/www.dmsjuridica.com\/buscador_20179478954\/corteconstitucionalcronologico202454587\/t-1109-08\/\" class=\"_self pt-cv-href-thumbnail pt-cv-thumb-default\" target=\"_self\" ><\/a>\n<div class=\"pt-cv-taxoterm above_title\"><a href='https:\/\/www.dmsjuridica.com\/buscador_20179478954\/corteconstitucionalcronologico202454587\/category\/buscar-en-toda-la-corte\/2008\/tutelas-2008\/' title='Tutelas 2008' class='pt-cv-tax-tutelas-2008'>Tutelas 2008<\/a><\/div>\n<h4 class=\"pt-cv-title\"><a href=\"https:\/\/www.dmsjuridica.com\/buscador_20179478954\/corteconstitucionalcronologico202454587\/t-1109-08\/\" class=\"_self\" target=\"_self\" >T-1109-08<\/a><\/h4>\n<div class=\"pt-cv-content\">\u00a0 \u00a0 SENTENCIA T-1109\/08 \u00a0 (Bogot\u00e1 DC, noviembre 6 de 2008) \u00a0 AGENCIA OFICIOSA EN TUTELA-Madre en representaci\u00f3n de hija enferma \u00a0 DERECHO A LA VIDA DIGNA-Alcance respecto de la salud \u00a0 INAPLICACION DE NORMAS DEL PLAN OBLIGATORIO DE SALUD-Casos en que procede \u00a0 REGIMEN SUBSIDIADO DE SALUD-Responsabilidad de las EPS frente a enfermos de epilepsia \u00a0 SECRETARIAS DEPARTAMENTALES Y MUNICIPALES-Competencias respecto a la prestaci\u00f3n de los servicios de salud de las entidades territoriales dentro del r\u00e9gimen subsidiado \u00a0 DERECHO A LA VIDA-Suministro de medicamento para tratamiento de epilepsia \u00a0 ACCION DE TUTELA CONTRA ENTIDAD PROMOTORA DE SALUD-Excepciones al requisito ...<br \/><div class=\"pt-cv-rmwrap\"><a href=\"https:\/\/www.dmsjuridica.com\/buscador_20179478954\/corteconstitucionalcronologico202454587\/t-1109-08\/\" class=\"_self pt-cv-readmore btn btn-success\" target=\"_self\">Ver Sentencia Completa...<\/a><\/div><\/div><\/div><\/div>\n<div class=\"col-md-12 col-sm-12 col-xs-12 pt-cv-content-item pt-cv-1-col\" ><div class='pt-cv-ifield'><a href=\"https:\/\/www.dmsjuridica.com\/buscador_20179478954\/corteconstitucionalcronologico202454587\/t-1108-08\/\" class=\"_self pt-cv-href-thumbnail pt-cv-thumb-default\" target=\"_self\" ><\/a>\n<div class=\"pt-cv-taxoterm above_title\"><a href='https:\/\/www.dmsjuridica.com\/buscador_20179478954\/corteconstitucionalcronologico202454587\/category\/buscar-en-toda-la-corte\/2008\/tutelas-2008\/' title='Tutelas 2008' class='pt-cv-tax-tutelas-2008'>Tutelas 2008<\/a><\/div>\n<h4 class=\"pt-cv-title\"><a href=\"https:\/\/www.dmsjuridica.com\/buscador_20179478954\/corteconstitucionalcronologico202454587\/t-1108-08\/\" class=\"_self\" target=\"_self\" >T-1108-08<\/a><\/h4>\n<div class=\"pt-cv-content\"> ...<br \/><div class=\"pt-cv-rmwrap\"><a href=\"https:\/\/www.dmsjuridica.com\/buscador_20179478954\/corteconstitucionalcronologico202454587\/t-1108-08\/\" class=\"_self pt-cv-readmore btn btn-success\" target=\"_self\">Ver Sentencia Completa...<\/a><\/div><\/div><\/div><\/div>\n<div class=\"col-md-12 col-sm-12 col-xs-12 pt-cv-content-item pt-cv-1-col\" ><div class='pt-cv-ifield'><a href=\"https:\/\/www.dmsjuridica.com\/buscador_20179478954\/corteconstitucionalcronologico202454587\/t-1107-08\/\" class=\"_self pt-cv-href-thumbnail pt-cv-thumb-default\" target=\"_self\" ><\/a>\n<div class=\"pt-cv-taxoterm above_title\"><a href='https:\/\/www.dmsjuridica.com\/buscador_20179478954\/corteconstitucionalcronologico202454587\/category\/buscar-en-toda-la-corte\/2008\/tutelas-2008\/' title='Tutelas 2008' class='pt-cv-tax-tutelas-2008'>Tutelas 2008<\/a><\/div>\n<h4 class=\"pt-cv-title\"><a href=\"https:\/\/www.dmsjuridica.com\/buscador_20179478954\/corteconstitucionalcronologico202454587\/t-1107-08\/\" class=\"_self\" target=\"_self\" >T-1107-08<\/a><\/h4>\n<div class=\"pt-cv-content\"> ...<br \/><div class=\"pt-cv-rmwrap\"><a href=\"https:\/\/www.dmsjuridica.com\/buscador_20179478954\/corteconstitucionalcronologico202454587\/t-1107-08\/\" class=\"_self pt-cv-readmore btn btn-success\" target=\"_self\">Ver Sentencia Completa...<\/a><\/div><\/div><\/div><\/div>\n<div class=\"col-md-12 col-sm-12 col-xs-12 pt-cv-content-item pt-cv-1-col\" ><div class='pt-cv-ifield'><a href=\"https:\/\/www.dmsjuridica.com\/buscador_20179478954\/corteconstitucionalcronologico202454587\/t-1106-08\/\" class=\"_self pt-cv-href-thumbnail pt-cv-thumb-default\" target=\"_self\" ><\/a>\n<div class=\"pt-cv-taxoterm above_title\"><a href='https:\/\/www.dmsjuridica.com\/buscador_20179478954\/corteconstitucionalcronologico202454587\/category\/buscar-en-toda-la-corte\/2008\/tutelas-2008\/' title='Tutelas 2008' class='pt-cv-tax-tutelas-2008'>Tutelas 2008<\/a><\/div>\n<h4 class=\"pt-cv-title\"><a href=\"https:\/\/www.dmsjuridica.com\/buscador_20179478954\/corteconstitucionalcronologico202454587\/t-1106-08\/\" class=\"_self\" target=\"_self\" >T-1106-08<\/a><\/h4>\n<div class=\"pt-cv-content\">\u00a0 \u00a0 Sentencia T-1106\/08 \u00a0 DERECHO DE PETICION-Alcance \u00a0 DERECHO DE PETICION-No constituye respuesta estado del tr\u00e1mite de solicitud \u00a0 DERECHO DE PETICION-Reglas jurisprudenciales \u00a0 DERECHO DE PETICION-Comprende el derecho a acceder a informaciones \u00a0 El derecho fundamental de petici\u00f3n tambi\u00e9n comprende aquello que el C\u00f3digo Contencioso Administrativo en su Cap\u00edtulo IV, ha denominado \u201cDerecho de Petici\u00f3n de Informaciones\u201d y que en su art\u00edculo 17 se\u00f1ala: \u201cEl derecho de petici\u00f3n de que trata el art\u00edculo 45 (el art\u00edculo 45 de la Constituci\u00f3n Pol\u00edtica de 1886 a que hace referencia este precepto corresponde en la actual Constituci\u00f3n, al art\u00edculo 23) de ...<br \/><div class=\"pt-cv-rmwrap\"><a href=\"https:\/\/www.dmsjuridica.com\/buscador_20179478954\/corteconstitucionalcronologico202454587\/t-1106-08\/\" class=\"_self pt-cv-readmore btn btn-success\" target=\"_self\">Ver Sentencia Completa...<\/a><\/div><\/div><\/div><\/div>\n<div class=\"col-md-12 col-sm-12 col-xs-12 pt-cv-content-item pt-cv-1-col\" ><div class='pt-cv-ifield'><a href=\"https:\/\/www.dmsjuridica.com\/buscador_20179478954\/corteconstitucionalcronologico202454587\/t-1105-08\/\" class=\"_self pt-cv-href-thumbnail pt-cv-thumb-default\" target=\"_self\" ><\/a>\n<div class=\"pt-cv-taxoterm above_title\"><a href='https:\/\/www.dmsjuridica.com\/buscador_20179478954\/corteconstitucionalcronologico202454587\/category\/buscar-en-toda-la-corte\/2008\/tutelas-2008\/' title='Tutelas 2008' class='pt-cv-tax-tutelas-2008'>Tutelas 2008<\/a><\/div>\n<h4 class=\"pt-cv-title\"><a href=\"https:\/\/www.dmsjuridica.com\/buscador_20179478954\/corteconstitucionalcronologico202454587\/t-1105-08\/\" class=\"_self\" target=\"_self\" >T-1105-08<\/a><\/h4>\n<div class=\"pt-cv-content\"> ...<br \/><div class=\"pt-cv-rmwrap\"><a href=\"https:\/\/www.dmsjuridica.com\/buscador_20179478954\/corteconstitucionalcronologico202454587\/t-1105-08\/\" class=\"_self pt-cv-readmore btn btn-success\" target=\"_self\">Ver Sentencia Completa...<\/a><\/div><\/div><\/div><\/div>\n<div class=\"col-md-12 col-sm-12 col-xs-12 pt-cv-content-item pt-cv-1-col\" ><div class='pt-cv-ifield'><a href=\"https:\/\/www.dmsjuridica.com\/buscador_20179478954\/corteconstitucionalcronologico202454587\/t-1104-08\/\" class=\"_self pt-cv-href-thumbnail pt-cv-thumb-default\" target=\"_self\" ><\/a>\n<div class=\"pt-cv-taxoterm above_title\"><a href='https:\/\/www.dmsjuridica.com\/buscador_20179478954\/corteconstitucionalcronologico202454587\/category\/buscar-en-toda-la-corte\/2008\/tutelas-2008\/' title='Tutelas 2008' class='pt-cv-tax-tutelas-2008'>Tutelas 2008<\/a><\/div>\n<h4 class=\"pt-cv-title\"><a href=\"https:\/\/www.dmsjuridica.com\/buscador_20179478954\/corteconstitucionalcronologico202454587\/t-1104-08\/\" class=\"_self\" target=\"_self\" >T-1104-08<\/a><\/h4>\n<div class=\"pt-cv-content\"> ...<br \/><div class=\"pt-cv-rmwrap\"><a href=\"https:\/\/www.dmsjuridica.com\/buscador_20179478954\/corteconstitucionalcronologico202454587\/t-1104-08\/\" class=\"_self pt-cv-readmore btn btn-success\" target=\"_self\">Ver Sentencia Completa...<\/a><\/div><\/div><\/div><\/div>\n<div class=\"col-md-12 col-sm-12 col-xs-12 pt-cv-content-item pt-cv-1-col\" ><div class='pt-cv-ifield'><a href=\"https:\/\/www.dmsjuridica.com\/buscador_20179478954\/corteconstitucionalcronologico202454587\/t-1103-08\/\" class=\"_self pt-cv-href-thumbnail pt-cv-thumb-default\" target=\"_self\" ><\/a>\n<div class=\"pt-cv-taxoterm above_title\"><a href='https:\/\/www.dmsjuridica.com\/buscador_20179478954\/corteconstitucionalcronologico202454587\/category\/buscar-en-toda-la-corte\/2008\/tutelas-2008\/' title='Tutelas 2008' class='pt-cv-tax-tutelas-2008'>Tutelas 2008<\/a><\/div>\n<h4 class=\"pt-cv-title\"><a href=\"https:\/\/www.dmsjuridica.com\/buscador_20179478954\/corteconstitucionalcronologico202454587\/t-1103-08\/\" class=\"_self\" target=\"_self\" >T-1103-08<\/a><\/h4>\n<div class=\"pt-cv-content\"> ...<br \/><div class=\"pt-cv-rmwrap\"><a href=\"https:\/\/www.dmsjuridica.com\/buscador_20179478954\/corteconstitucionalcronologico202454587\/t-1103-08\/\" class=\"_self pt-cv-readmore btn btn-success\" target=\"_self\">Ver Sentencia Completa...<\/a><\/div><\/div><\/div><\/div>\n<div class=\"col-md-12 col-sm-12 col-xs-12 pt-cv-content-item pt-cv-1-col\" ><div class='pt-cv-ifield'><a href=\"https:\/\/www.dmsjuridica.com\/buscador_20179478954\/corteconstitucionalcronologico202454587\/t-1102-08\/\" class=\"_self pt-cv-href-thumbnail pt-cv-thumb-default\" target=\"_self\" ><\/a>\n<div class=\"pt-cv-taxoterm above_title\"><a href='https:\/\/www.dmsjuridica.com\/buscador_20179478954\/corteconstitucionalcronologico202454587\/category\/buscar-en-toda-la-corte\/2008\/tutelas-2008\/' title='Tutelas 2008' class='pt-cv-tax-tutelas-2008'>Tutelas 2008<\/a><\/div>\n<h4 class=\"pt-cv-title\"><a href=\"https:\/\/www.dmsjuridica.com\/buscador_20179478954\/corteconstitucionalcronologico202454587\/t-1102-08\/\" class=\"_self\" target=\"_self\" >T-1102-08<\/a><\/h4>\n<div class=\"pt-cv-content\"> ...<br \/><div class=\"pt-cv-rmwrap\"><a href=\"https:\/\/www.dmsjuridica.com\/buscador_20179478954\/corteconstitucionalcronologico202454587\/t-1102-08\/\" class=\"_self pt-cv-readmore btn btn-success\" target=\"_self\">Ver Sentencia Completa...<\/a><\/div><\/div><\/div><\/div>\n<div class=\"col-md-12 col-sm-12 col-xs-12 pt-cv-content-item pt-cv-1-col\" ><div class='pt-cv-ifield'><a href=\"https:\/\/www.dmsjuridica.com\/buscador_20179478954\/corteconstitucionalcronologico202454587\/t-1101-08\/\" class=\"_self pt-cv-href-thumbnail pt-cv-thumb-default\" target=\"_self\" ><\/a>\n<div class=\"pt-cv-taxoterm above_title\"><a href='https:\/\/www.dmsjuridica.com\/buscador_20179478954\/corteconstitucionalcronologico202454587\/category\/buscar-en-toda-la-corte\/2008\/tutelas-2008\/' title='Tutelas 2008' class='pt-cv-tax-tutelas-2008'>Tutelas 2008<\/a><\/div>\n<h4 class=\"pt-cv-title\"><a href=\"https:\/\/www.dmsjuridica.com\/buscador_20179478954\/corteconstitucionalcronologico202454587\/t-1101-08\/\" class=\"_self\" target=\"_self\" >T-1101-08<\/a><\/h4>\n<div class=\"pt-cv-content\">\u00a0 \u00a0 Sentencia T-1101\/08 \u00a0 DERECHO A LA SEGURIDAD PERSONAL-Alcance\/DERECHO A LA SEGURIDAD PERSONAL-Fundamentos normativos \u00a0 SEGURIDAD PERSONAL-Como derecho colectivo\/SEGURIDAD PERSONAL-Como derecho individual\u00a0 \u00a0 DERECHO A LA SEGURIDAD PERSONAL-Caracterizaci\u00f3n de los riesgos frente a los cuales se protege \u00a0 DERECHO A LA SEGURIDAD PERSONAL-Obligaciones constitucionales b\u00e1sicas de las autoridades para preservarlo \u00a0 DERECHO A LA SEGURIDAD PERSONAL-Presunci\u00f3n de riesgo para las v\u00edctimas de desplazamiento \u00a0 En el caso particular de la poblaci\u00f3n que ha sido v\u00edctima de desplazamiento, la Corte Constitucional ha creado una figura que se encuentra orientada a facilitar la labor de garantizar el derecho fundamental a la ...<br \/><div class=\"pt-cv-rmwrap\"><a href=\"https:\/\/www.dmsjuridica.com\/buscador_20179478954\/corteconstitucionalcronologico202454587\/t-1101-08\/\" class=\"_self pt-cv-readmore btn btn-success\" target=\"_self\">Ver Sentencia Completa...<\/a><\/div><\/div><\/div><\/div>\n<div class=\"col-md-12 col-sm-12 col-xs-12 pt-cv-content-item pt-cv-1-col\" ><div class='pt-cv-ifield'><a href=\"https:\/\/www.dmsjuridica.com\/buscador_20179478954\/corteconstitucionalcronologico202454587\/t-1100-08\/\" class=\"_self pt-cv-href-thumbnail pt-cv-thumb-default\" target=\"_self\" ><\/a>\n<div class=\"pt-cv-taxoterm above_title\"><a href='https:\/\/www.dmsjuridica.com\/buscador_20179478954\/corteconstitucionalcronologico202454587\/category\/buscar-en-toda-la-corte\/2008\/tutelas-2008\/' title='Tutelas 2008' class='pt-cv-tax-tutelas-2008'>Tutelas 2008<\/a><\/div>\n<h4 class=\"pt-cv-title\"><a href=\"https:\/\/www.dmsjuridica.com\/buscador_20179478954\/corteconstitucionalcronologico202454587\/t-1100-08\/\" class=\"_self\" target=\"_self\" >T-1100-08<\/a><\/h4>\n<div class=\"pt-cv-content\"> ...<br \/><div class=\"pt-cv-rmwrap\"><a href=\"https:\/\/www.dmsjuridica.com\/buscador_20179478954\/corteconstitucionalcronologico202454587\/t-1100-08\/\" class=\"_self pt-cv-readmore btn btn-success\" target=\"_self\">Ver Sentencia Completa...<\/a><\/div><\/div><\/div><\/div>\n<div class=\"col-md-12 col-sm-12 col-xs-12 pt-cv-content-item pt-cv-1-col\" ><div class='pt-cv-ifield'><a href=\"https:\/\/www.dmsjuridica.com\/buscador_20179478954\/corteconstitucionalcronologico202454587\/t-110-08\/\" class=\"_self pt-cv-href-thumbnail pt-cv-thumb-default\" target=\"_self\" ><\/a>\n<div class=\"pt-cv-taxoterm above_title\"><a href='https:\/\/www.dmsjuridica.com\/buscador_20179478954\/corteconstitucionalcronologico202454587\/category\/buscar-en-toda-la-corte\/2008\/tutelas-2008\/' title='Tutelas 2008' class='pt-cv-tax-tutelas-2008'>Tutelas 2008<\/a><\/div>\n<h4 class=\"pt-cv-title\"><a href=\"https:\/\/www.dmsjuridica.com\/buscador_20179478954\/corteconstitucionalcronologico202454587\/t-110-08\/\" class=\"_self\" target=\"_self\" >T-110-08<\/a><\/h4>\n<div class=\"pt-cv-content\">\u00a0 \u00a0 Sentencia T-110\/08 \u00a0 PENSION DE INVALIDEZ-Requisitos para reconocimiento y pago y cambio introducido por Ley 860\/03 \u00a0 PENSION DE INVALIDEZ-Se neg\u00f3 su reconocimiento por no reunir el requisito de fidelidad al sistema de pensiones \u00a0 PRINCIPIO DE PROGRESIVIDAD EN DERECHO A LA SEGURIDAD SOCIAL-Aplicaci\u00f3n a la pensi\u00f3n de invalidez \u00a0 PENSION DE INVALIDEZ-Requisitos para obtener reconocimiento y pago \u00a0 ACCION DE TUTELA-Procedencia por cuanto se cumplen los requisitos para el reconocimiento y pago de la pensi\u00f3n de invalidez \u00a0 Referencia: expediente T-1.742.842 \u00a0 Acci\u00f3n de tutela de In\u00edrida Ariza Troncoso en contra de la Administradora de Fondos de ...<br \/><div class=\"pt-cv-rmwrap\"><a href=\"https:\/\/www.dmsjuridica.com\/buscador_20179478954\/corteconstitucionalcronologico202454587\/t-110-08\/\" class=\"_self pt-cv-readmore btn btn-success\" target=\"_self\">Ver Sentencia Completa...<\/a><\/div><\/div><\/div><\/div>\n<div class=\"col-md-12 col-sm-12 col-xs-12 pt-cv-content-item pt-cv-1-col\" ><div class='pt-cv-ifield'><a href=\"https:\/\/www.dmsjuridica.com\/buscador_20179478954\/corteconstitucionalcronologico202454587\/t-1099-08\/\" class=\"_self pt-cv-href-thumbnail pt-cv-thumb-default\" target=\"_self\" ><\/a>\n<div class=\"pt-cv-taxoterm above_title\"><a href='https:\/\/www.dmsjuridica.com\/buscador_20179478954\/corteconstitucionalcronologico202454587\/category\/buscar-en-toda-la-corte\/2008\/tutelas-2008\/' title='Tutelas 2008' class='pt-cv-tax-tutelas-2008'>Tutelas 2008<\/a><\/div>\n<h4 class=\"pt-cv-title\"><a href=\"https:\/\/www.dmsjuridica.com\/buscador_20179478954\/corteconstitucionalcronologico202454587\/t-1099-08\/\" class=\"_self\" target=\"_self\" >T-1099-08<\/a><\/h4>\n<div class=\"pt-cv-content\"> ...<br \/><div class=\"pt-cv-rmwrap\"><a href=\"https:\/\/www.dmsjuridica.com\/buscador_20179478954\/corteconstitucionalcronologico202454587\/t-1099-08\/\" class=\"_self pt-cv-readmore btn btn-success\" target=\"_self\">Ver Sentencia Completa...<\/a><\/div><\/div><\/div><\/div>\n<div class=\"col-md-12 col-sm-12 col-xs-12 pt-cv-content-item pt-cv-1-col\" ><div class='pt-cv-ifield'><a href=\"https:\/\/www.dmsjuridica.com\/buscador_20179478954\/corteconstitucionalcronologico202454587\/t-1098-08\/\" class=\"_self pt-cv-href-thumbnail pt-cv-thumb-default\" target=\"_self\" ><\/a>\n<div class=\"pt-cv-taxoterm above_title\"><a href='https:\/\/www.dmsjuridica.com\/buscador_20179478954\/corteconstitucionalcronologico202454587\/category\/buscar-en-toda-la-corte\/2008\/tutelas-2008\/' title='Tutelas 2008' class='pt-cv-tax-tutelas-2008'>Tutelas 2008<\/a><\/div>\n<h4 class=\"pt-cv-title\"><a href=\"https:\/\/www.dmsjuridica.com\/buscador_20179478954\/corteconstitucionalcronologico202454587\/t-1098-08\/\" class=\"_self\" target=\"_self\" >T-1098-08<\/a><\/h4>\n<div class=\"pt-cv-content\"> ...<br \/><div class=\"pt-cv-rmwrap\"><a href=\"https:\/\/www.dmsjuridica.com\/buscador_20179478954\/corteconstitucionalcronologico202454587\/t-1098-08\/\" class=\"_self pt-cv-readmore btn btn-success\" target=\"_self\">Ver Sentencia Completa...<\/a><\/div><\/div><\/div><\/div>\n<div class=\"col-md-12 col-sm-12 col-xs-12 pt-cv-content-item pt-cv-1-col\" ><div class='pt-cv-ifield'><a href=\"https:\/\/www.dmsjuridica.com\/buscador_20179478954\/corteconstitucionalcronologico202454587\/t-1097-08\/\" class=\"_self pt-cv-href-thumbnail pt-cv-thumb-default\" target=\"_self\" ><\/a>\n<div class=\"pt-cv-taxoterm above_title\"><a href='https:\/\/www.dmsjuridica.com\/buscador_20179478954\/corteconstitucionalcronologico202454587\/category\/buscar-en-toda-la-corte\/2008\/tutelas-2008\/' title='Tutelas 2008' class='pt-cv-tax-tutelas-2008'>Tutelas 2008<\/a><\/div>\n<h4 class=\"pt-cv-title\"><a href=\"https:\/\/www.dmsjuridica.com\/buscador_20179478954\/corteconstitucionalcronologico202454587\/t-1097-08\/\" class=\"_self\" target=\"_self\" >T-1097-08<\/a><\/h4>\n<div class=\"pt-cv-content\">\u00a0 \u00a0 Sentencia T-1097\/08 \u00a0 ACCION DE TUTELA-Subsidiariedad e inmediatez\/ACCION DE TUTELA-Informalidad y eficacia de los derechos fundamentales \u00a0 ACCION DE TUTELA-Aspectos para acreditar o desvirtuar aptitud de medio judicial alternativo \u00a0 ACCION DE TUTELA-Medio de defensa judicial \u00a0 DERECHO A LA ESTABILIDAD LABORAL-Alcance \u00a0 ACCION DE TUTELA-Improcedencia general para reintegro laboral \u00a0 ACCION DE TUTELA-Procedencia cuando exista nexo causal entre la condici\u00f3n de debilidad manifiesta por el estado de salud y la desvinculaci\u00f3n laboral \u00a0 No obstante, el mero hecho de que el empleador decida desvincular de manera unilateral a una persona que presenta una enfermedad o una discapacidad, ...<br \/><div class=\"pt-cv-rmwrap\"><a href=\"https:\/\/www.dmsjuridica.com\/buscador_20179478954\/corteconstitucionalcronologico202454587\/t-1097-08\/\" class=\"_self pt-cv-readmore btn btn-success\" target=\"_self\">Ver Sentencia Completa...<\/a><\/div><\/div><\/div><\/div>\n<div class=\"col-md-12 col-sm-12 col-xs-12 pt-cv-content-item pt-cv-1-col\" ><div class='pt-cv-ifield'><a href=\"https:\/\/www.dmsjuridica.com\/buscador_20179478954\/corteconstitucionalcronologico202454587\/t-1096-08\/\" class=\"_self pt-cv-href-thumbnail pt-cv-thumb-default\" target=\"_self\" ><\/a>\n<div class=\"pt-cv-taxoterm above_title\"><a href='https:\/\/www.dmsjuridica.com\/buscador_20179478954\/corteconstitucionalcronologico202454587\/category\/buscar-en-toda-la-corte\/2008\/tutelas-2008\/' title='Tutelas 2008' class='pt-cv-tax-tutelas-2008'>Tutelas 2008<\/a><\/div>\n<h4 class=\"pt-cv-title\"><a href=\"https:\/\/www.dmsjuridica.com\/buscador_20179478954\/corteconstitucionalcronologico202454587\/t-1096-08\/\" class=\"_self\" target=\"_self\" >T-1096-08<\/a><\/h4>\n<div class=\"pt-cv-content\"> ...<br \/><div class=\"pt-cv-rmwrap\"><a href=\"https:\/\/www.dmsjuridica.com\/buscador_20179478954\/corteconstitucionalcronologico202454587\/t-1096-08\/\" class=\"_self pt-cv-readmore btn btn-success\" target=\"_self\">Ver Sentencia Completa...<\/a><\/div><\/div><\/div><\/div>\n<div class=\"col-md-12 col-sm-12 col-xs-12 pt-cv-content-item pt-cv-1-col\" ><div class='pt-cv-ifield'><a href=\"https:\/\/www.dmsjuridica.com\/buscador_20179478954\/corteconstitucionalcronologico202454587\/t-1095-08\/\" class=\"_self pt-cv-href-thumbnail pt-cv-thumb-default\" target=\"_self\" ><\/a>\n<div class=\"pt-cv-taxoterm above_title\"><a href='https:\/\/www.dmsjuridica.com\/buscador_20179478954\/corteconstitucionalcronologico202454587\/category\/buscar-en-toda-la-corte\/2008\/tutelas-2008\/' title='Tutelas 2008' class='pt-cv-tax-tutelas-2008'>Tutelas 2008<\/a><\/div>\n<h4 class=\"pt-cv-title\"><a href=\"https:\/\/www.dmsjuridica.com\/buscador_20179478954\/corteconstitucionalcronologico202454587\/t-1095-08\/\" class=\"_self\" target=\"_self\" >T-1095-08<\/a><\/h4>\n<div class=\"pt-cv-content\"> ...<br \/><div class=\"pt-cv-rmwrap\"><a href=\"https:\/\/www.dmsjuridica.com\/buscador_20179478954\/corteconstitucionalcronologico202454587\/t-1095-08\/\" class=\"_self pt-cv-readmore btn btn-success\" target=\"_self\">Ver Sentencia Completa...<\/a><\/div><\/div><\/div><\/div>\n<div class=\"col-md-12 col-sm-12 col-xs-12 pt-cv-content-item pt-cv-1-col\" ><div class='pt-cv-ifield'><a href=\"https:\/\/www.dmsjuridica.com\/buscador_20179478954\/corteconstitucionalcronologico202454587\/t-1094-08\/\" class=\"_self pt-cv-href-thumbnail pt-cv-thumb-default\" target=\"_self\" ><\/a>\n<div class=\"pt-cv-taxoterm above_title\"><a href='https:\/\/www.dmsjuridica.com\/buscador_20179478954\/corteconstitucionalcronologico202454587\/category\/buscar-en-toda-la-corte\/2008\/tutelas-2008\/' title='Tutelas 2008' class='pt-cv-tax-tutelas-2008'>Tutelas 2008<\/a><\/div>\n<h4 class=\"pt-cv-title\"><a href=\"https:\/\/www.dmsjuridica.com\/buscador_20179478954\/corteconstitucionalcronologico202454587\/t-1094-08\/\" class=\"_self\" target=\"_self\" >T-1094-08<\/a><\/h4>\n<div class=\"pt-cv-content\"> ...<br \/><div class=\"pt-cv-rmwrap\"><a href=\"https:\/\/www.dmsjuridica.com\/buscador_20179478954\/corteconstitucionalcronologico202454587\/t-1094-08\/\" class=\"_self pt-cv-readmore btn btn-success\" target=\"_self\">Ver Sentencia Completa...<\/a><\/div><\/div><\/div><\/div>\n<div class=\"col-md-12 col-sm-12 col-xs-12 pt-cv-content-item pt-cv-1-col\" ><div class='pt-cv-ifield'><a href=\"https:\/\/www.dmsjuridica.com\/buscador_20179478954\/corteconstitucionalcronologico202454587\/t-1093-08\/\" class=\"_self pt-cv-href-thumbnail pt-cv-thumb-default\" target=\"_self\" ><\/a>\n<div class=\"pt-cv-taxoterm above_title\"><a href='https:\/\/www.dmsjuridica.com\/buscador_20179478954\/corteconstitucionalcronologico202454587\/category\/buscar-en-toda-la-corte\/2008\/tutelas-2008\/' title='Tutelas 2008' class='pt-cv-tax-tutelas-2008'>Tutelas 2008<\/a><\/div>\n<h4 class=\"pt-cv-title\"><a href=\"https:\/\/www.dmsjuridica.com\/buscador_20179478954\/corteconstitucionalcronologico202454587\/t-1093-08\/\" class=\"_self\" target=\"_self\" >T-1093-08<\/a><\/h4>\n<div class=\"pt-cv-content\">\u00a0 \u00a0 Sentencia T-1093\/08 \u00a0 AGENCIA OFICIOSA EN TUTELA-Elementos que deben configurarse \u00a0 La Corte ha se\u00f1alado que los elementos de la agencia oficiosa en materia de tutela son: i) la necesidad de que el agente oficioso manifieste expl\u00edcitamente que est\u00e1 actuando como tal, y ii) que el titular de los derechos invocados no se encuentre en condiciones para instaurar la acci\u00f3n de tutela a nombre propio. De all\u00ed que, en diversos casos, se hayan considerado improcedentes las acciones de tutelas interpuestas a nombre de terceros en aquellos eventos en que no est\u00e1 probada la imposibilidad del titular del derecho ...<br \/><div class=\"pt-cv-rmwrap\"><a href=\"https:\/\/www.dmsjuridica.com\/buscador_20179478954\/corteconstitucionalcronologico202454587\/t-1093-08\/\" class=\"_self pt-cv-readmore btn btn-success\" target=\"_self\">Ver Sentencia Completa...<\/a><\/div><\/div><\/div><\/div>\n<div class=\"col-md-12 col-sm-12 col-xs-12 pt-cv-content-item pt-cv-1-col\" ><div class='pt-cv-ifield'><a href=\"https:\/\/www.dmsjuridica.com\/buscador_20179478954\/corteconstitucionalcronologico202454587\/t-1092-08\/\" class=\"_self pt-cv-href-thumbnail pt-cv-thumb-default\" target=\"_self\" ><\/a>\n<div class=\"pt-cv-taxoterm above_title\"><a href='https:\/\/www.dmsjuridica.com\/buscador_20179478954\/corteconstitucionalcronologico202454587\/category\/buscar-en-toda-la-corte\/2008\/tutelas-2008\/' title='Tutelas 2008' class='pt-cv-tax-tutelas-2008'>Tutelas 2008<\/a><\/div>\n<h4 class=\"pt-cv-title\"><a href=\"https:\/\/www.dmsjuridica.com\/buscador_20179478954\/corteconstitucionalcronologico202454587\/t-1092-08\/\" class=\"_self\" target=\"_self\" >T-1092-08<\/a><\/h4>\n<div class=\"pt-cv-content\"> ...<br \/><div class=\"pt-cv-rmwrap\"><a href=\"https:\/\/www.dmsjuridica.com\/buscador_20179478954\/corteconstitucionalcronologico202454587\/t-1092-08\/\" class=\"_self pt-cv-readmore btn btn-success\" target=\"_self\">Ver Sentencia Completa...<\/a><\/div><\/div><\/div><\/div>\n<div class=\"col-md-12 col-sm-12 col-xs-12 pt-cv-content-item pt-cv-1-col\" ><div class='pt-cv-ifield'><a href=\"https:\/\/www.dmsjuridica.com\/buscador_20179478954\/corteconstitucionalcronologico202454587\/t-1091-08\/\" class=\"_self pt-cv-href-thumbnail pt-cv-thumb-default\" target=\"_self\" ><\/a>\n<div class=\"pt-cv-taxoterm above_title\"><a href='https:\/\/www.dmsjuridica.com\/buscador_20179478954\/corteconstitucionalcronologico202454587\/category\/buscar-en-toda-la-corte\/2008\/tutelas-2008\/' title='Tutelas 2008' class='pt-cv-tax-tutelas-2008'>Tutelas 2008<\/a><\/div>\n<h4 class=\"pt-cv-title\"><a href=\"https:\/\/www.dmsjuridica.com\/buscador_20179478954\/corteconstitucionalcronologico202454587\/t-1091-08\/\" class=\"_self\" target=\"_self\" >T-1091-08<\/a><\/h4>\n<div class=\"pt-cv-content\"> ...<br \/><div class=\"pt-cv-rmwrap\"><a href=\"https:\/\/www.dmsjuridica.com\/buscador_20179478954\/corteconstitucionalcronologico202454587\/t-1091-08\/\" class=\"_self pt-cv-readmore btn btn-success\" target=\"_self\">Ver Sentencia Completa...<\/a><\/div><\/div><\/div><\/div>\n<div class=\"col-md-12 col-sm-12 col-xs-12 pt-cv-content-item pt-cv-1-col\" ><div class='pt-cv-ifield'><a href=\"https:\/\/www.dmsjuridica.com\/buscador_20179478954\/corteconstitucionalcronologico202454587\/t-1090-08\/\" class=\"_self pt-cv-href-thumbnail pt-cv-thumb-default\" target=\"_self\" ><\/a>\n<div class=\"pt-cv-taxoterm above_title\"><a href='https:\/\/www.dmsjuridica.com\/buscador_20179478954\/corteconstitucionalcronologico202454587\/category\/buscar-en-toda-la-corte\/2008\/tutelas-2008\/' title='Tutelas 2008' class='pt-cv-tax-tutelas-2008'>Tutelas 2008<\/a><\/div>\n<h4 class=\"pt-cv-title\"><a href=\"https:\/\/www.dmsjuridica.com\/buscador_20179478954\/corteconstitucionalcronologico202454587\/t-1090-08\/\" class=\"_self\" target=\"_self\" >T-1090-08<\/a><\/h4>\n<div class=\"pt-cv-content\"> ...<br \/><div class=\"pt-cv-rmwrap\"><a href=\"https:\/\/www.dmsjuridica.com\/buscador_20179478954\/corteconstitucionalcronologico202454587\/t-1090-08\/\" class=\"_self pt-cv-readmore btn btn-success\" target=\"_self\">Ver Sentencia Completa...<\/a><\/div><\/div><\/div><\/div>\n<div class=\"col-md-12 col-sm-12 col-xs-12 pt-cv-content-item pt-cv-1-col\" ><div class='pt-cv-ifield'><a href=\"https:\/\/www.dmsjuridica.com\/buscador_20179478954\/corteconstitucionalcronologico202454587\/t-109-08\/\" class=\"_self pt-cv-href-thumbnail pt-cv-thumb-default\" target=\"_self\" ><\/a>\n<div class=\"pt-cv-taxoterm above_title\"><a href='https:\/\/www.dmsjuridica.com\/buscador_20179478954\/corteconstitucionalcronologico202454587\/category\/buscar-en-toda-la-corte\/2008\/tutelas-2008\/' title='Tutelas 2008' class='pt-cv-tax-tutelas-2008'>Tutelas 2008<\/a><\/div>\n<h4 class=\"pt-cv-title\"><a href=\"https:\/\/www.dmsjuridica.com\/buscador_20179478954\/corteconstitucionalcronologico202454587\/t-109-08\/\" class=\"_self\" target=\"_self\" >T-109-08<\/a><\/h4>\n<div class=\"pt-cv-content\">\u00a0 \u00a0 Sentencia T-109\/08 \u00a0 SUBREGLAS JURISPRUDENCIALES QUE DETERMINAN INAPLICACI\u00d3N DE REGLAS DE EXCLUSION DEL POS-Reiteraci\u00f3n de jurisprudencia\u00a0 \u00a0 DERECHO A LA SALUD-Suministro de medicamento por padecer enfermedad psiqui\u00e1trica \u00a0 INCAPACIDAD ECONOMICA EN MATERIA DE SALUD Y PRINCIPIO PRO HOMINE \u00a0 Resulta desproporcionado que se exija a una persona que carece de medios ordinarios de subsistencia, y cuyas necesidades b\u00e1sicas est\u00e1n a cargo de dos adultos mayores, sacrificar todo el patrimonio familiar, como \u00fanico medio para garantizar el acceso a los medicamentos necesarios para proteger su estado de salud. De la visita de la trabajadora social se evidencia, adem\u00e1s, que ...<br \/><div class=\"pt-cv-rmwrap\"><a href=\"https:\/\/www.dmsjuridica.com\/buscador_20179478954\/corteconstitucionalcronologico202454587\/t-109-08\/\" class=\"_self pt-cv-readmore btn btn-success\" target=\"_self\">Ver Sentencia Completa...<\/a><\/div><\/div><\/div><\/div>\n<div class=\"col-md-12 col-sm-12 col-xs-12 pt-cv-content-item pt-cv-1-col\" ><div class='pt-cv-ifield'><a href=\"https:\/\/www.dmsjuridica.com\/buscador_20179478954\/corteconstitucionalcronologico202454587\/t-1081-08\/\" class=\"_self pt-cv-href-thumbnail pt-cv-thumb-default\" target=\"_self\" ><\/a>\n<div class=\"pt-cv-taxoterm above_title\"><a href='https:\/\/www.dmsjuridica.com\/buscador_20179478954\/corteconstitucionalcronologico202454587\/category\/buscar-en-toda-la-corte\/2008\/tutelas-2008\/' title='Tutelas 2008' class='pt-cv-tax-tutelas-2008'>Tutelas 2008<\/a><\/div>\n<h4 class=\"pt-cv-title\"><a href=\"https:\/\/www.dmsjuridica.com\/buscador_20179478954\/corteconstitucionalcronologico202454587\/t-1081-08\/\" class=\"_self\" target=\"_self\" >T-1081-08<\/a><\/h4>\n<div class=\"pt-cv-content\"> ...<br \/><div class=\"pt-cv-rmwrap\"><a href=\"https:\/\/www.dmsjuridica.com\/buscador_20179478954\/corteconstitucionalcronologico202454587\/t-1081-08\/\" class=\"_self pt-cv-readmore btn btn-success\" target=\"_self\">Ver Sentencia Completa...<\/a><\/div><\/div><\/div><\/div>\n<div class=\"col-md-12 col-sm-12 col-xs-12 pt-cv-content-item pt-cv-1-col\" ><div class='pt-cv-ifield'><a href=\"https:\/\/www.dmsjuridica.com\/buscador_20179478954\/corteconstitucionalcronologico202454587\/t-1080-08\/\" class=\"_self pt-cv-href-thumbnail pt-cv-thumb-default\" target=\"_self\" ><\/a>\n<div class=\"pt-cv-taxoterm above_title\"><a href='https:\/\/www.dmsjuridica.com\/buscador_20179478954\/corteconstitucionalcronologico202454587\/category\/buscar-en-toda-la-corte\/2008\/tutelas-2008\/' title='Tutelas 2008' class='pt-cv-tax-tutelas-2008'>Tutelas 2008<\/a><\/div>\n<h4 class=\"pt-cv-title\"><a href=\"https:\/\/www.dmsjuridica.com\/buscador_20179478954\/corteconstitucionalcronologico202454587\/t-1080-08\/\" class=\"_self\" target=\"_self\" >T-1080-08<\/a><\/h4>\n<div class=\"pt-cv-content\">\u00a0 \u00a0 Sentencia T-1080\/08 \u00a0 ACCION DE TUTELA CONTRA PROVIDENCIAS JUDICIALES-Procedencia \u00a0 ACCION DE TUTELA CONTRA PROVIDENCIAS JUDICIALES-Procedencia por v\u00eda de hecho al aplicar una norma derogada en proceso ejecutivo para el pago de cuotas de administraci\u00f3n adeudadas \u00a0 Referencia: expediente T-1932091 \u00a0 Acci\u00f3n de tutela instaurada mediante apoderado, por \u201cEdificio T\u00edvoli Nicol\u00e1s de Federman - Propiedad Horizontal\u201d, contra el Juzgado 50 Civil Municipal de Bogot\u00e1. \u00a0 Magistrado Ponente:\u00a0 \u00a0 Dr. NILSON PINILLA PINILLA\u00a0 \u00a0 Bogot\u00e1, D. C., cinco (5) de noviembre de dos mil ocho (2008). \u00a0 La Sala S\u00e9ptima de Revisi\u00f3n de la Corte Constitucional, integrada por los ...<br \/><div class=\"pt-cv-rmwrap\"><a href=\"https:\/\/www.dmsjuridica.com\/buscador_20179478954\/corteconstitucionalcronologico202454587\/t-1080-08\/\" class=\"_self pt-cv-readmore btn btn-success\" target=\"_self\">Ver Sentencia Completa...<\/a><\/div><\/div><\/div><\/div>\n<div class=\"col-md-12 col-sm-12 col-xs-12 pt-cv-content-item pt-cv-1-col\" ><div class='pt-cv-ifield'><a href=\"https:\/\/www.dmsjuridica.com\/buscador_20179478954\/corteconstitucionalcronologico202454587\/t-108-08\/\" class=\"_self pt-cv-href-thumbnail pt-cv-thumb-default\" target=\"_self\" ><\/a>\n<div class=\"pt-cv-taxoterm above_title\"><a href='https:\/\/www.dmsjuridica.com\/buscador_20179478954\/corteconstitucionalcronologico202454587\/category\/buscar-en-toda-la-corte\/2008\/tutelas-2008\/' title='Tutelas 2008' class='pt-cv-tax-tutelas-2008'>Tutelas 2008<\/a><\/div>\n<h4 class=\"pt-cv-title\"><a href=\"https:\/\/www.dmsjuridica.com\/buscador_20179478954\/corteconstitucionalcronologico202454587\/t-108-08\/\" class=\"_self\" target=\"_self\" >T-108-08<\/a><\/h4>\n<div class=\"pt-cv-content\">\u00a0 \u00a0 Sentencia T-108\/08 \u00a0 DERECHO A LA SALUD DE PERSONA DE LA TERCERA EDAD-Suministro de elementos de colostom\u00eda \u00a0 REGLA JURISPRUDENCIAL-Fuerza vinculante en casos de afectaci\u00f3n de derechos fundamentales por no suministro de elementos de colostom\u00eda \u00a0 DERECHO A LA SALUD DEL ADULTO MAYOR-Elementos de colostom\u00eda no inclu\u00eddos en el POS \u00a0 JUEZ DE TUTELA-Facultades probatorias\/JUEZ DE TUTELA-Protecci\u00f3n efectiva de derechos fundamentales \u00a0 Se tiene que la actividad procesal del juez de tutela debe estar, en todo caso, dirigida a desplegar los medios probatorios pertinentes para acreditar la violaci\u00f3n de derechos fundamentales. En ese sentido, si bien es acertado ...<br \/><div class=\"pt-cv-rmwrap\"><a href=\"https:\/\/www.dmsjuridica.com\/buscador_20179478954\/corteconstitucionalcronologico202454587\/t-108-08\/\" class=\"_self pt-cv-readmore btn btn-success\" target=\"_self\">Ver Sentencia Completa...<\/a><\/div><\/div><\/div><\/div>\n<div class=\"col-md-12 col-sm-12 col-xs-12 pt-cv-content-item pt-cv-1-col\" ><div class='pt-cv-ifield'><a href=\"https:\/\/www.dmsjuridica.com\/buscador_20179478954\/corteconstitucionalcronologico202454587\/t-1079-08\/\" class=\"_self pt-cv-href-thumbnail pt-cv-thumb-default\" target=\"_self\" ><\/a>\n<div class=\"pt-cv-taxoterm above_title\"><a href='https:\/\/www.dmsjuridica.com\/buscador_20179478954\/corteconstitucionalcronologico202454587\/category\/buscar-en-toda-la-corte\/2008\/tutelas-2008\/' title='Tutelas 2008' class='pt-cv-tax-tutelas-2008'>Tutelas 2008<\/a><\/div>\n<h4 class=\"pt-cv-title\"><a href=\"https:\/\/www.dmsjuridica.com\/buscador_20179478954\/corteconstitucionalcronologico202454587\/t-1079-08\/\" class=\"_self\" target=\"_self\" >T-1079-08<\/a><\/h4>\n<div class=\"pt-cv-content\"> ...<br \/><div class=\"pt-cv-rmwrap\"><a href=\"https:\/\/www.dmsjuridica.com\/buscador_20179478954\/corteconstitucionalcronologico202454587\/t-1079-08\/\" class=\"_self pt-cv-readmore btn btn-success\" target=\"_self\">Ver Sentencia Completa...<\/a><\/div><\/div><\/div><\/div>\n<div class=\"col-md-12 col-sm-12 col-xs-12 pt-cv-content-item pt-cv-1-col\" ><div class='pt-cv-ifield'><a href=\"https:\/\/www.dmsjuridica.com\/buscador_20179478954\/corteconstitucionalcronologico202454587\/t-1078-08\/\" class=\"_self pt-cv-href-thumbnail pt-cv-thumb-default\" target=\"_self\" ><\/a>\n<div class=\"pt-cv-taxoterm above_title\"><a href='https:\/\/www.dmsjuridica.com\/buscador_20179478954\/corteconstitucionalcronologico202454587\/category\/buscar-en-toda-la-corte\/2008\/tutelas-2008\/' title='Tutelas 2008' class='pt-cv-tax-tutelas-2008'>Tutelas 2008<\/a><\/div>\n<h4 class=\"pt-cv-title\"><a href=\"https:\/\/www.dmsjuridica.com\/buscador_20179478954\/corteconstitucionalcronologico202454587\/t-1078-08\/\" class=\"_self\" target=\"_self\" >T-1078-08<\/a><\/h4>\n<div class=\"pt-cv-content\">\u00a0 \u00a0 \u00a0\u00a0 Sentencia T-1078\/08 \u00a0 ACCION DE TUTELA CONTRA PROVIDENCIAS JUDICIALES-L\u00ednea jurisprudencial \u00a0 ACCION DE TUTELA CONTRA PROVIDENCIAS JUDICIALES-Clases de defectos \u00a0 VIA DE HECHO-Defecto f\u00e1ctico en decisi\u00f3n judicial \u00a0 ACCION DE TUTELA CONTRA PROVIDENCIAS JUDICIALES-Inexistencia de defecto f\u00e1ctico \u00a0 Referencia: expediente T- 1738990 \u00a0 Acci\u00f3n de tutela presentada por Pedro Rodolfo Montero Monsalvo contra la Sala Cuarta de Decisi\u00f3n del Tribunal Superior de Barranquilla con citaci\u00f3n oficiosa de Telecaribe Ltda. \u00a0 Magistrado Ponente: \u00a0 Dr. JAIME ARA\u00daJO RENTER\u00cdA \u00a0 Bogot\u00e1 D.C., \u00a0cuatro (4) de noviembre de dos mil ocho (2.008). \u00a0 La Sala de Revisi\u00f3n de la Corte ...<br \/><div class=\"pt-cv-rmwrap\"><a href=\"https:\/\/www.dmsjuridica.com\/buscador_20179478954\/corteconstitucionalcronologico202454587\/t-1078-08\/\" class=\"_self pt-cv-readmore btn btn-success\" target=\"_self\">Ver Sentencia Completa...<\/a><\/div><\/div><\/div><\/div>\n<div class=\"col-md-12 col-sm-12 col-xs-12 pt-cv-content-item pt-cv-1-col\" ><div class='pt-cv-ifield'><a href=\"https:\/\/www.dmsjuridica.com\/buscador_20179478954\/corteconstitucionalcronologico202454587\/t-1077-08\/\" class=\"_self pt-cv-href-thumbnail pt-cv-thumb-default\" target=\"_self\" ><\/a>\n<div class=\"pt-cv-taxoterm above_title\"><a href='https:\/\/www.dmsjuridica.com\/buscador_20179478954\/corteconstitucionalcronologico202454587\/category\/buscar-en-toda-la-corte\/2008\/tutelas-2008\/' title='Tutelas 2008' class='pt-cv-tax-tutelas-2008'>Tutelas 2008<\/a><\/div>\n<h4 class=\"pt-cv-title\"><a href=\"https:\/\/www.dmsjuridica.com\/buscador_20179478954\/corteconstitucionalcronologico202454587\/t-1077-08\/\" class=\"_self\" target=\"_self\" >T-1077-08<\/a><\/h4>\n<div class=\"pt-cv-content\">\u00a0 \u00a0 Sentencia T-1077\/08 \u00a0 Referencia: expediente T-1988748 \u00a0 Acci\u00f3n de tutela instaurada por Pedro Emilio Abalo contra el Instituto de Seguros Sociales \u00a0 Magistrado Ponente: \u00a0 Dr. MANUEL JOS\u00c9 CEPEDA ESPINOSA \u00a0 Bogot\u00e1 D.C., treinta y uno (31) de octubre de dos mil ocho (2008). \u00a0 La Sala Segunda de Revisi\u00f3n de la Corte Constitucional, integrada por los magistrados, Manuel Jos\u00e9 Cepeda Espinosa, Jaime C\u00f3rdoba Trivi\u00f1o y Rodrigo Escobar Gil, en ejercicio de sus competencias constitucionales y legales ha proferido la siguiente \u00a0 SENTENCIA \u00a0 Que pone fin al proceso de revisi\u00f3n del fallo proferido por el Juzgado Decimotercero ...<br \/><div class=\"pt-cv-rmwrap\"><a href=\"https:\/\/www.dmsjuridica.com\/buscador_20179478954\/corteconstitucionalcronologico202454587\/t-1077-08\/\" class=\"_self pt-cv-readmore btn btn-success\" target=\"_self\">Ver Sentencia Completa...<\/a><\/div><\/div><\/div><\/div>\n<div class=\"col-md-12 col-sm-12 col-xs-12 pt-cv-content-item pt-cv-1-col\" ><div class='pt-cv-ifield'><a href=\"https:\/\/www.dmsjuridica.com\/buscador_20179478954\/corteconstitucionalcronologico202454587\/t-1076-08\/\" class=\"_self pt-cv-href-thumbnail pt-cv-thumb-default\" target=\"_self\" ><\/a>\n<div class=\"pt-cv-taxoterm above_title\"><a href='https:\/\/www.dmsjuridica.com\/buscador_20179478954\/corteconstitucionalcronologico202454587\/category\/buscar-en-toda-la-corte\/2008\/tutelas-2008\/' title='Tutelas 2008' class='pt-cv-tax-tutelas-2008'>Tutelas 2008<\/a><\/div>\n<h4 class=\"pt-cv-title\"><a href=\"https:\/\/www.dmsjuridica.com\/buscador_20179478954\/corteconstitucionalcronologico202454587\/t-1076-08\/\" class=\"_self\" target=\"_self\" >T-1076-08<\/a><\/h4>\n<div class=\"pt-cv-content\">\u00a0 \u00a0 Sentencia T-1076\/08 \u00a0 DERECHO DE PETICION EN MATERIA PENSIONAL-Reiteraci\u00f3n de jurisprudencia \u00a0 A la fecha han transcurrido m\u00e1s de siete meses desde la presentaci\u00f3n de la solicitud, sin que la entidad demandad hubiera dado respuesta a la misma. Por lo anterior, la Sala de Revisi\u00f3n revocar\u00e1 el fallo de instancia y, conceder\u00e1 la tutela al derecho de petici\u00f3n. En consecuencia, el Instituto de Seguros Sociales, deber\u00e1 dar respuesta de fondo a la solicitud del accionante, dentro de los cinco (5) d\u00edas h\u00e1biles siguientes a la notificaci\u00f3n de la presente sentencia, si a\u00fan no lo ha hecho, y en ...<br \/><div class=\"pt-cv-rmwrap\"><a href=\"https:\/\/www.dmsjuridica.com\/buscador_20179478954\/corteconstitucionalcronologico202454587\/t-1076-08\/\" class=\"_self pt-cv-readmore btn btn-success\" target=\"_self\">Ver Sentencia Completa...<\/a><\/div><\/div><\/div><\/div>\n<div class=\"col-md-12 col-sm-12 col-xs-12 pt-cv-content-item pt-cv-1-col\" ><div class='pt-cv-ifield'><a href=\"https:\/\/www.dmsjuridica.com\/buscador_20179478954\/corteconstitucionalcronologico202454587\/t-1075-08\/\" class=\"_self pt-cv-href-thumbnail pt-cv-thumb-default\" target=\"_self\" ><\/a>\n<div class=\"pt-cv-taxoterm above_title\"><a href='https:\/\/www.dmsjuridica.com\/buscador_20179478954\/corteconstitucionalcronologico202454587\/category\/buscar-en-toda-la-corte\/2008\/tutelas-2008\/' title='Tutelas 2008' class='pt-cv-tax-tutelas-2008'>Tutelas 2008<\/a><\/div>\n<h4 class=\"pt-cv-title\"><a href=\"https:\/\/www.dmsjuridica.com\/buscador_20179478954\/corteconstitucionalcronologico202454587\/t-1075-08\/\" class=\"_self\" target=\"_self\" >T-1075-08<\/a><\/h4>\n<div class=\"pt-cv-content\"> ...<br \/><div class=\"pt-cv-rmwrap\"><a href=\"https:\/\/www.dmsjuridica.com\/buscador_20179478954\/corteconstitucionalcronologico202454587\/t-1075-08\/\" class=\"_self pt-cv-readmore btn btn-success\" target=\"_self\">Ver Sentencia Completa...<\/a><\/div><\/div><\/div><\/div>\n<div class=\"col-md-12 col-sm-12 col-xs-12 pt-cv-content-item pt-cv-1-col\" ><div class='pt-cv-ifield'><a href=\"https:\/\/www.dmsjuridica.com\/buscador_20179478954\/corteconstitucionalcronologico202454587\/t-1074-08\/\" class=\"_self pt-cv-href-thumbnail pt-cv-thumb-default\" target=\"_self\" ><\/a>\n<div class=\"pt-cv-taxoterm above_title\"><a href='https:\/\/www.dmsjuridica.com\/buscador_20179478954\/corteconstitucionalcronologico202454587\/category\/buscar-en-toda-la-corte\/2008\/tutelas-2008\/' title='Tutelas 2008' class='pt-cv-tax-tutelas-2008'>Tutelas 2008<\/a><\/div>\n<h4 class=\"pt-cv-title\"><a href=\"https:\/\/www.dmsjuridica.com\/buscador_20179478954\/corteconstitucionalcronologico202454587\/t-1074-08\/\" class=\"_self\" target=\"_self\" >T-1074-08<\/a><\/h4>\n<div class=\"pt-cv-content\"> ...<br \/><div class=\"pt-cv-rmwrap\"><a href=\"https:\/\/www.dmsjuridica.com\/buscador_20179478954\/corteconstitucionalcronologico202454587\/t-1074-08\/\" class=\"_self pt-cv-readmore btn btn-success\" target=\"_self\">Ver Sentencia Completa...<\/a><\/div><\/div><\/div><\/div>\n<div class=\"col-md-12 col-sm-12 col-xs-12 pt-cv-content-item pt-cv-1-col\" ><div class='pt-cv-ifield'><a href=\"https:\/\/www.dmsjuridica.com\/buscador_20179478954\/corteconstitucionalcronologico202454587\/t-1073-08\/\" class=\"_self pt-cv-href-thumbnail pt-cv-thumb-default\" target=\"_self\" ><\/a>\n<div class=\"pt-cv-taxoterm above_title\"><a href='https:\/\/www.dmsjuridica.com\/buscador_20179478954\/corteconstitucionalcronologico202454587\/category\/buscar-en-toda-la-corte\/2008\/tutelas-2008\/' title='Tutelas 2008' class='pt-cv-tax-tutelas-2008'>Tutelas 2008<\/a><\/div>\n<h4 class=\"pt-cv-title\"><a href=\"https:\/\/www.dmsjuridica.com\/buscador_20179478954\/corteconstitucionalcronologico202454587\/t-1073-08\/\" class=\"_self\" target=\"_self\" >T-1073-08<\/a><\/h4>\n<div class=\"pt-cv-content\"> ...<br \/><div class=\"pt-cv-rmwrap\"><a href=\"https:\/\/www.dmsjuridica.com\/buscador_20179478954\/corteconstitucionalcronologico202454587\/t-1073-08\/\" class=\"_self pt-cv-readmore btn btn-success\" target=\"_self\">Ver Sentencia Completa...<\/a><\/div><\/div><\/div><\/div>\n<div class=\"col-md-12 col-sm-12 col-xs-12 pt-cv-content-item pt-cv-1-col\" ><div class='pt-cv-ifield'><a href=\"https:\/\/www.dmsjuridica.com\/buscador_20179478954\/corteconstitucionalcronologico202454587\/t-1072-08\/\" class=\"_self pt-cv-href-thumbnail pt-cv-thumb-default\" target=\"_self\" ><\/a>\n<div class=\"pt-cv-taxoterm above_title\"><a href='https:\/\/www.dmsjuridica.com\/buscador_20179478954\/corteconstitucionalcronologico202454587\/category\/buscar-en-toda-la-corte\/2008\/tutelas-2008\/' title='Tutelas 2008' class='pt-cv-tax-tutelas-2008'>Tutelas 2008<\/a><\/div>\n<h4 class=\"pt-cv-title\"><a href=\"https:\/\/www.dmsjuridica.com\/buscador_20179478954\/corteconstitucionalcronologico202454587\/t-1072-08\/\" class=\"_self\" target=\"_self\" >T-1072-08<\/a><\/h4>\n<div class=\"pt-cv-content\"> ...<br \/><div class=\"pt-cv-rmwrap\"><a href=\"https:\/\/www.dmsjuridica.com\/buscador_20179478954\/corteconstitucionalcronologico202454587\/t-1072-08\/\" class=\"_self pt-cv-readmore btn btn-success\" target=\"_self\">Ver Sentencia Completa...<\/a><\/div><\/div><\/div><\/div>\n<div class=\"col-md-12 col-sm-12 col-xs-12 pt-cv-content-item pt-cv-1-col\" ><div class='pt-cv-ifield'><a href=\"https:\/\/www.dmsjuridica.com\/buscador_20179478954\/corteconstitucionalcronologico202454587\/t-1071-08\/\" class=\"_self pt-cv-href-thumbnail pt-cv-thumb-default\" target=\"_self\" ><\/a>\n<div class=\"pt-cv-taxoterm above_title\"><a href='https:\/\/www.dmsjuridica.com\/buscador_20179478954\/corteconstitucionalcronologico202454587\/category\/buscar-en-toda-la-corte\/2008\/tutelas-2008\/' title='Tutelas 2008' class='pt-cv-tax-tutelas-2008'>Tutelas 2008<\/a><\/div>\n<h4 class=\"pt-cv-title\"><a href=\"https:\/\/www.dmsjuridica.com\/buscador_20179478954\/corteconstitucionalcronologico202454587\/t-1071-08\/\" class=\"_self\" target=\"_self\" >T-1071-08<\/a><\/h4>\n<div class=\"pt-cv-content\">\u00a0 \u00a0 Sentencia T-1071\/08 \u00a0 DERECHO A LA SALUD-Orden para hacer un TAC \u00a0 INCAPACIDAD ECONOMICA-Reglas probatorias \u00a0 En materia de incapacidad econ\u00f3mica esta Corporaci\u00f3n ha establecido que: (i) no existe una tarifa legal para su prueba, pues, ya que puede verificarse a trav\u00e9s de cualquier medio probatorio, incluyendo la presunci\u00f3n legal de la incapacidad, y (ii) se aplica la presunci\u00f3n de buena fe establecida en el art\u00edculo 83 de nuestra Carta Pol\u00edtica. \u00a0 Referencia: expediente T-1\u2019962.749 \u00a0 Accionante: Alvaro Enrique Herrera como agente oficioso de la se\u00f1ora Clara Mar\u00eda P\u00e9rez Pacheco \u00a0 Dr. MARCO GERARDO MONROY CABRA \u00a0 Bogot\u00e1 ...<br \/><div class=\"pt-cv-rmwrap\"><a href=\"https:\/\/www.dmsjuridica.com\/buscador_20179478954\/corteconstitucionalcronologico202454587\/t-1071-08\/\" class=\"_self pt-cv-readmore btn btn-success\" target=\"_self\">Ver Sentencia Completa...<\/a><\/div><\/div><\/div><\/div>\n<div class=\"col-md-12 col-sm-12 col-xs-12 pt-cv-content-item pt-cv-1-col\" ><div class='pt-cv-ifield'><a href=\"https:\/\/www.dmsjuridica.com\/buscador_20179478954\/corteconstitucionalcronologico202454587\/t-1070-08\/\" class=\"_self pt-cv-href-thumbnail pt-cv-thumb-default\" target=\"_self\" ><\/a>\n<div class=\"pt-cv-taxoterm above_title\"><a href='https:\/\/www.dmsjuridica.com\/buscador_20179478954\/corteconstitucionalcronologico202454587\/category\/buscar-en-toda-la-corte\/2008\/tutelas-2008\/' title='Tutelas 2008' class='pt-cv-tax-tutelas-2008'>Tutelas 2008<\/a><\/div>\n<h4 class=\"pt-cv-title\"><a href=\"https:\/\/www.dmsjuridica.com\/buscador_20179478954\/corteconstitucionalcronologico202454587\/t-1070-08\/\" class=\"_self\" target=\"_self\" >T-1070-08<\/a><\/h4>\n<div class=\"pt-cv-content\"> ...<br \/><div class=\"pt-cv-rmwrap\"><a href=\"https:\/\/www.dmsjuridica.com\/buscador_20179478954\/corteconstitucionalcronologico202454587\/t-1070-08\/\" class=\"_self pt-cv-readmore btn btn-success\" target=\"_self\">Ver Sentencia Completa...<\/a><\/div><\/div><\/div><\/div>\n<div class=\"col-md-12 col-sm-12 col-xs-12 pt-cv-content-item pt-cv-1-col\" ><div class='pt-cv-ifield'><a href=\"https:\/\/www.dmsjuridica.com\/buscador_20179478954\/corteconstitucionalcronologico202454587\/t-107-08\/\" class=\"_self pt-cv-href-thumbnail pt-cv-thumb-default\" target=\"_self\" ><\/a>\n<div class=\"pt-cv-taxoterm above_title\"><a href='https:\/\/www.dmsjuridica.com\/buscador_20179478954\/corteconstitucionalcronologico202454587\/category\/buscar-en-toda-la-corte\/2008\/tutelas-2008\/' title='Tutelas 2008' class='pt-cv-tax-tutelas-2008'>Tutelas 2008<\/a><\/div>\n<h4 class=\"pt-cv-title\"><a href=\"https:\/\/www.dmsjuridica.com\/buscador_20179478954\/corteconstitucionalcronologico202454587\/t-107-08\/\" class=\"_self\" target=\"_self\" >T-107-08<\/a><\/h4>\n<div class=\"pt-cv-content\">\u00a0 \u00a0 Sentencia T-107\/08 \u00a0 DERECHO A LA SALUD-Procedimiento para el cubrimiento de servicios m\u00e9dicos o medicamentos excluidos del POSS\/DERECHO A LA SALUD-Suministro de aud\u00edfonos \u00a0 DERECHO A LA SALUD EN PLAN OBLIGATORIO DE SALUD SUBSIDIADO-Suministro de aud\u00edfonos por Secretar\u00eda Seccional de Salud departamental \u00a0 Referencia: expediente T-1714508 \u00a0 Acci\u00f3n de tutela instaurada por Yarline del Rosario Camargo Gamarra contra la Regional Bol\u00edvar de la Asociaci\u00f3n Mutual Barrios Unidos de Quibd\u00f3 (AMBUQ) ESS EPSS. \u00a0 Magistrado Ponente:\u00a0 \u00a0 Dr. JAIME C\u00d3RDOBA TRIVI\u00d1O \u00a0 Bogot\u00e1, D. C., doce (12) de febrero de dos mil ocho (2008). \u00a0 La Sala Tercera de ...<br \/><div class=\"pt-cv-rmwrap\"><a href=\"https:\/\/www.dmsjuridica.com\/buscador_20179478954\/corteconstitucionalcronologico202454587\/t-107-08\/\" class=\"_self pt-cv-readmore btn btn-success\" target=\"_self\">Ver Sentencia Completa...<\/a><\/div><\/div><\/div><\/div>\n<div class=\"col-md-12 col-sm-12 col-xs-12 pt-cv-content-item pt-cv-1-col\" ><div class='pt-cv-ifield'><a href=\"https:\/\/www.dmsjuridica.com\/buscador_20179478954\/corteconstitucionalcronologico202454587\/t-1069-08\/\" class=\"_self pt-cv-href-thumbnail pt-cv-thumb-default\" target=\"_self\" ><\/a>\n<div class=\"pt-cv-taxoterm above_title\"><a href='https:\/\/www.dmsjuridica.com\/buscador_20179478954\/corteconstitucionalcronologico202454587\/category\/buscar-en-toda-la-corte\/2008\/tutelas-2008\/' title='Tutelas 2008' class='pt-cv-tax-tutelas-2008'>Tutelas 2008<\/a><\/div>\n<h4 class=\"pt-cv-title\"><a href=\"https:\/\/www.dmsjuridica.com\/buscador_20179478954\/corteconstitucionalcronologico202454587\/t-1069-08\/\" class=\"_self\" target=\"_self\" >T-1069-08<\/a><\/h4>\n<div class=\"pt-cv-content\">\u00a0 \u00a0 Sentencia T-1069\/08 \u00a0 ESTABILIDAD LABORAL REFORZADA DE MUJER EMBARAZADA EN CONTRATO A TERMINO FIJO \u00a0 Mientras subsistan las causas que motivaron la celebraci\u00f3n del contrato laboral a t\u00e9rmino fijo, su vencimiento no constituye una justa causa objetiva para determinar no renovarlo. Es pertinente indicar que la Corte ha definido que la afectaci\u00f3n al derecho fundamental al m\u00ednimo vital abarca desde la satisfacci\u00f3n de aspiraciones, necesidades y obligaciones propias del demandante y su grupo familiar, hasta el punto de evitar por medio de la acci\u00f3n de tutela se sufra una situaci\u00f3n cr\u00edtica econ\u00f3mica. En consecuencia \u00a0la demandada vulner\u00f3 el ...<br \/><div class=\"pt-cv-rmwrap\"><a href=\"https:\/\/www.dmsjuridica.com\/buscador_20179478954\/corteconstitucionalcronologico202454587\/t-1069-08\/\" class=\"_self pt-cv-readmore btn btn-success\" target=\"_self\">Ver Sentencia Completa...<\/a><\/div><\/div><\/div><\/div>\n<div class=\"col-md-12 col-sm-12 col-xs-12 pt-cv-content-item pt-cv-1-col\" ><div class='pt-cv-ifield'><a href=\"https:\/\/www.dmsjuridica.com\/buscador_20179478954\/corteconstitucionalcronologico202454587\/t-1068-08\/\" class=\"_self pt-cv-href-thumbnail pt-cv-thumb-default\" target=\"_self\" ><\/a>\n<div class=\"pt-cv-taxoterm above_title\"><a href='https:\/\/www.dmsjuridica.com\/buscador_20179478954\/corteconstitucionalcronologico202454587\/category\/buscar-en-toda-la-corte\/2008\/tutelas-2008\/' title='Tutelas 2008' class='pt-cv-tax-tutelas-2008'>Tutelas 2008<\/a><\/div>\n<h4 class=\"pt-cv-title\"><a href=\"https:\/\/www.dmsjuridica.com\/buscador_20179478954\/corteconstitucionalcronologico202454587\/t-1068-08\/\" class=\"_self\" target=\"_self\" >T-1068-08<\/a><\/h4>\n<div class=\"pt-cv-content\"> ...<br \/><div class=\"pt-cv-rmwrap\"><a href=\"https:\/\/www.dmsjuridica.com\/buscador_20179478954\/corteconstitucionalcronologico202454587\/t-1068-08\/\" class=\"_self pt-cv-readmore btn btn-success\" target=\"_self\">Ver Sentencia Completa...<\/a><\/div><\/div><\/div><\/div>\n<div class=\"col-md-12 col-sm-12 col-xs-12 pt-cv-content-item pt-cv-1-col\" ><div class='pt-cv-ifield'><a href=\"https:\/\/www.dmsjuridica.com\/buscador_20179478954\/corteconstitucionalcronologico202454587\/t-106-08\/\" class=\"_self pt-cv-href-thumbnail pt-cv-thumb-default\" target=\"_self\" ><\/a>\n<div class=\"pt-cv-taxoterm above_title\"><a href='https:\/\/www.dmsjuridica.com\/buscador_20179478954\/corteconstitucionalcronologico202454587\/category\/buscar-en-toda-la-corte\/2008\/tutelas-2008\/' title='Tutelas 2008' class='pt-cv-tax-tutelas-2008'>Tutelas 2008<\/a><\/div>\n<h4 class=\"pt-cv-title\"><a href=\"https:\/\/www.dmsjuridica.com\/buscador_20179478954\/corteconstitucionalcronologico202454587\/t-106-08\/\" class=\"_self\" target=\"_self\" >T-106-08<\/a><\/h4>\n<div class=\"pt-cv-content\">\u00a0 \u00a0 Sentencia T-106\/08 \u00a0 PREPENSIONADOS DE ADPOSTAL-Protecci\u00f3n se encuentra vigente en el programa de renovaci\u00f3n de la Administraci\u00f3n P\u00fablica \u00a0 LIQUIDACION DE ADPOSTAL-Le son aplicables las reglas establecidas sobre el ret\u00e9n social \u00a0 De acuerdo con art\u00edculo 38 de la Convenci\u00f3n Colectiva, los trabajadores de la Administraci\u00f3n Postal Nacional pueden pensionarse al cumplir 50 a\u00f1os de edad y 20 a\u00f1os de servicio, o 25 a\u00f1os de servicio a cualquier edad. Si se admiten cualquiera de los dos supuestos, el actor se encontraba dentro del t\u00e9rmino inferior a los tres (3) a\u00f1os para acceder a la pensi\u00f3n de jubilaci\u00f3n, por ...<br \/><div class=\"pt-cv-rmwrap\"><a href=\"https:\/\/www.dmsjuridica.com\/buscador_20179478954\/corteconstitucionalcronologico202454587\/t-106-08\/\" class=\"_self pt-cv-readmore btn btn-success\" target=\"_self\">Ver Sentencia Completa...<\/a><\/div><\/div><\/div><\/div>\n<div class=\"col-md-12 col-sm-12 col-xs-12 pt-cv-content-item pt-cv-1-col\" ><div class='pt-cv-ifield'><a href=\"https:\/\/www.dmsjuridica.com\/buscador_20179478954\/corteconstitucionalcronologico202454587\/t-1057-08\/\" class=\"_self pt-cv-href-thumbnail pt-cv-thumb-default\" target=\"_self\" ><\/a>\n<div class=\"pt-cv-taxoterm above_title\"><a href='https:\/\/www.dmsjuridica.com\/buscador_20179478954\/corteconstitucionalcronologico202454587\/category\/buscar-en-toda-la-corte\/2008\/tutelas-2008\/' title='Tutelas 2008' class='pt-cv-tax-tutelas-2008'>Tutelas 2008<\/a><\/div>\n<h4 class=\"pt-cv-title\"><a href=\"https:\/\/www.dmsjuridica.com\/buscador_20179478954\/corteconstitucionalcronologico202454587\/t-1057-08\/\" class=\"_self\" target=\"_self\" >T-1057-08<\/a><\/h4>\n<div class=\"pt-cv-content\"> ...<br \/><div class=\"pt-cv-rmwrap\"><a href=\"https:\/\/www.dmsjuridica.com\/buscador_20179478954\/corteconstitucionalcronologico202454587\/t-1057-08\/\" class=\"_self pt-cv-readmore btn btn-success\" target=\"_self\">Ver Sentencia Completa...<\/a><\/div><\/div><\/div><\/div>\n<div class=\"col-md-12 col-sm-12 col-xs-12 pt-cv-content-item pt-cv-1-col\" ><div class='pt-cv-ifield'><a href=\"https:\/\/www.dmsjuridica.com\/buscador_20179478954\/corteconstitucionalcronologico202454587\/t-1056-08\/\" class=\"_self pt-cv-href-thumbnail pt-cv-thumb-default\" target=\"_self\" ><\/a>\n<div class=\"pt-cv-taxoterm above_title\"><a href='https:\/\/www.dmsjuridica.com\/buscador_20179478954\/corteconstitucionalcronologico202454587\/category\/buscar-en-toda-la-corte\/2008\/tutelas-2008\/' title='Tutelas 2008' class='pt-cv-tax-tutelas-2008'>Tutelas 2008<\/a><\/div>\n<h4 class=\"pt-cv-title\"><a href=\"https:\/\/www.dmsjuridica.com\/buscador_20179478954\/corteconstitucionalcronologico202454587\/t-1056-08\/\" class=\"_self\" target=\"_self\" >T-1056-08<\/a><\/h4>\n<div class=\"pt-cv-content\">\u00a0 \u00a0 Sentencia T-1056\/08 \u00a0 ACCION DE TUTELA CONTRA SENTENCIA DEL CONSEJO DE ESTADO \u2013 SECCION TERCERA-Error en la radicaci\u00f3n del proceso no fue determinante en la decisi\u00f3n de declarar desierto el recurso de apelaci\u00f3n\/ACCION DE TUTELA CONTRA PROVIDENCIAS JUDICIALES-Reiteraci\u00f3n de jurisprudencia\u00a0 \u00a0 El error cometido por la secretar\u00eda del Tribunal Administrativo no fue determinante de la decisi\u00f3n de declarar desierto el recurso de apelaci\u00f3n, contenida en los autos de 22 de junio y 7 de diciembre de 2005 proferidos por la Secci\u00f3n Tercera del Consejo de Estado, y no reviste las connotaciones de una causal de prosperidad de la ...<br \/><div class=\"pt-cv-rmwrap\"><a href=\"https:\/\/www.dmsjuridica.com\/buscador_20179478954\/corteconstitucionalcronologico202454587\/t-1056-08\/\" class=\"_self pt-cv-readmore btn btn-success\" target=\"_self\">Ver Sentencia Completa...<\/a><\/div><\/div><\/div><\/div>\n<div class=\"col-md-12 col-sm-12 col-xs-12 pt-cv-content-item pt-cv-1-col\" ><div class='pt-cv-ifield'><a href=\"https:\/\/www.dmsjuridica.com\/buscador_20179478954\/corteconstitucionalcronologico202454587\/t-1055-08\/\" class=\"_self pt-cv-href-thumbnail pt-cv-thumb-default\" target=\"_self\" ><\/a>\n<div class=\"pt-cv-taxoterm above_title\"><a href='https:\/\/www.dmsjuridica.com\/buscador_20179478954\/corteconstitucionalcronologico202454587\/category\/buscar-en-toda-la-corte\/2008\/tutelas-2008\/' title='Tutelas 2008' class='pt-cv-tax-tutelas-2008'>Tutelas 2008<\/a><\/div>\n<h4 class=\"pt-cv-title\"><a href=\"https:\/\/www.dmsjuridica.com\/buscador_20179478954\/corteconstitucionalcronologico202454587\/t-1055-08\/\" class=\"_self\" target=\"_self\" >T-1055-08<\/a><\/h4>\n<div class=\"pt-cv-content\"> ...<br \/><div class=\"pt-cv-rmwrap\"><a href=\"https:\/\/www.dmsjuridica.com\/buscador_20179478954\/corteconstitucionalcronologico202454587\/t-1055-08\/\" class=\"_self pt-cv-readmore btn btn-success\" target=\"_self\">Ver Sentencia Completa...<\/a><\/div><\/div><\/div><\/div>\n<div class=\"col-md-12 col-sm-12 col-xs-12 pt-cv-content-item pt-cv-1-col\" ><div class='pt-cv-ifield'><a href=\"https:\/\/www.dmsjuridica.com\/buscador_20179478954\/corteconstitucionalcronologico202454587\/t-1054-08\/\" class=\"_self pt-cv-href-thumbnail pt-cv-thumb-default\" target=\"_self\" ><\/a>\n<div class=\"pt-cv-taxoterm above_title\"><a href='https:\/\/www.dmsjuridica.com\/buscador_20179478954\/corteconstitucionalcronologico202454587\/category\/buscar-en-toda-la-corte\/2008\/tutelas-2008\/' title='Tutelas 2008' class='pt-cv-tax-tutelas-2008'>Tutelas 2008<\/a><\/div>\n<h4 class=\"pt-cv-title\"><a href=\"https:\/\/www.dmsjuridica.com\/buscador_20179478954\/corteconstitucionalcronologico202454587\/t-1054-08\/\" class=\"_self\" target=\"_self\" >T-1054-08<\/a><\/h4>\n<div class=\"pt-cv-content\"> ...<br \/><div class=\"pt-cv-rmwrap\"><a href=\"https:\/\/www.dmsjuridica.com\/buscador_20179478954\/corteconstitucionalcronologico202454587\/t-1054-08\/\" class=\"_self pt-cv-readmore btn btn-success\" target=\"_self\">Ver Sentencia Completa...<\/a><\/div><\/div><\/div><\/div>\n<div class=\"col-md-12 col-sm-12 col-xs-12 pt-cv-content-item pt-cv-1-col\" ><div class='pt-cv-ifield'><a href=\"https:\/\/www.dmsjuridica.com\/buscador_20179478954\/corteconstitucionalcronologico202454587\/t-1053-08\/\" class=\"_self pt-cv-href-thumbnail pt-cv-thumb-default\" target=\"_self\" ><\/a>\n<div class=\"pt-cv-taxoterm above_title\"><a href='https:\/\/www.dmsjuridica.com\/buscador_20179478954\/corteconstitucionalcronologico202454587\/category\/buscar-en-toda-la-corte\/2008\/tutelas-2008\/' title='Tutelas 2008' class='pt-cv-tax-tutelas-2008'>Tutelas 2008<\/a><\/div>\n<h4 class=\"pt-cv-title\"><a href=\"https:\/\/www.dmsjuridica.com\/buscador_20179478954\/corteconstitucionalcronologico202454587\/t-1053-08\/\" class=\"_self\" target=\"_self\" >T-1053-08<\/a><\/h4>\n<div class=\"pt-cv-content\">\u00a0 \u00a0 Sentencia T-1053\/08 \u00a0 ACCION DE TUTELA CONTRA ENTIDAD PROMOTORA DE SALUD-Suministro de aud\u00edfonos\/DERECHO A LA SALUD-Suministro de aud\u00edfonos por EPS \u00a0 Esta Sala considera que de conformidad con los fundamentos jur\u00eddicos esbozados, el derecho a la salud y a la vida digna del se\u00f1or Alberto S\u00e1nchez Ca\u00f1\u00f3n deben ser amparados, comoquiera que en el presente caso incuestionablemente se cumplen con los requisitos que la jurisprudencia a impuesto para el suministro de elementos excluidos del Plan Obligatorio de Salud. N\u00f3tese en primer lugar que la falta de suministro de los aud\u00edfonos al accionante vulner\u00f3 su derecho fundamental a la ...<br \/><div class=\"pt-cv-rmwrap\"><a href=\"https:\/\/www.dmsjuridica.com\/buscador_20179478954\/corteconstitucionalcronologico202454587\/t-1053-08\/\" class=\"_self pt-cv-readmore btn btn-success\" target=\"_self\">Ver Sentencia Completa...<\/a><\/div><\/div><\/div><\/div>\n<div class=\"col-md-12 col-sm-12 col-xs-12 pt-cv-content-item pt-cv-1-col\" ><div class='pt-cv-ifield'><a href=\"https:\/\/www.dmsjuridica.com\/buscador_20179478954\/corteconstitucionalcronologico202454587\/t-1052-08\/\" class=\"_self pt-cv-href-thumbnail pt-cv-thumb-default\" target=\"_self\" ><\/a>\n<div class=\"pt-cv-taxoterm above_title\"><a href='https:\/\/www.dmsjuridica.com\/buscador_20179478954\/corteconstitucionalcronologico202454587\/category\/buscar-en-toda-la-corte\/2008\/tutelas-2008\/' title='Tutelas 2008' class='pt-cv-tax-tutelas-2008'>Tutelas 2008<\/a><\/div>\n<h4 class=\"pt-cv-title\"><a href=\"https:\/\/www.dmsjuridica.com\/buscador_20179478954\/corteconstitucionalcronologico202454587\/t-1052-08\/\" class=\"_self\" target=\"_self\" >T-1052-08<\/a><\/h4>\n<div class=\"pt-cv-content\"> ...<br \/><div class=\"pt-cv-rmwrap\"><a href=\"https:\/\/www.dmsjuridica.com\/buscador_20179478954\/corteconstitucionalcronologico202454587\/t-1052-08\/\" class=\"_self pt-cv-readmore btn btn-success\" target=\"_self\">Ver Sentencia Completa...<\/a><\/div><\/div><\/div><\/div>\n<div class=\"col-md-12 col-sm-12 col-xs-12 pt-cv-content-item pt-cv-1-col\" ><div class='pt-cv-ifield'><a href=\"https:\/\/www.dmsjuridica.com\/buscador_20179478954\/corteconstitucionalcronologico202454587\/t-1051-08\/\" class=\"_self pt-cv-href-thumbnail pt-cv-thumb-default\" target=\"_self\" ><\/a>\n<div class=\"pt-cv-taxoterm above_title\"><a href='https:\/\/www.dmsjuridica.com\/buscador_20179478954\/corteconstitucionalcronologico202454587\/category\/buscar-en-toda-la-corte\/2008\/tutelas-2008\/' title='Tutelas 2008' class='pt-cv-tax-tutelas-2008'>Tutelas 2008<\/a><\/div>\n<h4 class=\"pt-cv-title\"><a href=\"https:\/\/www.dmsjuridica.com\/buscador_20179478954\/corteconstitucionalcronologico202454587\/t-1051-08\/\" class=\"_self\" target=\"_self\" >T-1051-08<\/a><\/h4>\n<div class=\"pt-cv-content\"> ...<br \/><div class=\"pt-cv-rmwrap\"><a href=\"https:\/\/www.dmsjuridica.com\/buscador_20179478954\/corteconstitucionalcronologico202454587\/t-1051-08\/\" class=\"_self pt-cv-readmore btn btn-success\" target=\"_self\">Ver Sentencia Completa...<\/a><\/div><\/div><\/div><\/div>\n<div class=\"col-md-12 col-sm-12 col-xs-12 pt-cv-content-item pt-cv-1-col\" ><div class='pt-cv-ifield'><a href=\"https:\/\/www.dmsjuridica.com\/buscador_20179478954\/corteconstitucionalcronologico202454587\/t-1050-08\/\" class=\"_self pt-cv-href-thumbnail pt-cv-thumb-default\" target=\"_self\" ><\/a>\n<div class=\"pt-cv-taxoterm above_title\"><a href='https:\/\/www.dmsjuridica.com\/buscador_20179478954\/corteconstitucionalcronologico202454587\/category\/buscar-en-toda-la-corte\/2008\/tutelas-2008\/' title='Tutelas 2008' class='pt-cv-tax-tutelas-2008'>Tutelas 2008<\/a><\/div>\n<h4 class=\"pt-cv-title\"><a href=\"https:\/\/www.dmsjuridica.com\/buscador_20179478954\/corteconstitucionalcronologico202454587\/t-1050-08\/\" class=\"_self\" target=\"_self\" >T-1050-08<\/a><\/h4>\n<div class=\"pt-cv-content\"> ...<br \/><div class=\"pt-cv-rmwrap\"><a href=\"https:\/\/www.dmsjuridica.com\/buscador_20179478954\/corteconstitucionalcronologico202454587\/t-1050-08\/\" class=\"_self pt-cv-readmore btn btn-success\" target=\"_self\">Ver Sentencia Completa...<\/a><\/div><\/div><\/div><\/div>\n<div class=\"col-md-12 col-sm-12 col-xs-12 pt-cv-content-item pt-cv-1-col\" ><div class='pt-cv-ifield'><a href=\"https:\/\/www.dmsjuridica.com\/buscador_20179478954\/corteconstitucionalcronologico202454587\/t-105-08\/\" class=\"_self pt-cv-href-thumbnail pt-cv-thumb-default\" target=\"_self\" ><\/a>\n<div class=\"pt-cv-taxoterm above_title\"><a href='https:\/\/www.dmsjuridica.com\/buscador_20179478954\/corteconstitucionalcronologico202454587\/category\/buscar-en-toda-la-corte\/2008\/tutelas-2008\/' title='Tutelas 2008' class='pt-cv-tax-tutelas-2008'>Tutelas 2008<\/a><\/div>\n<h4 class=\"pt-cv-title\"><a href=\"https:\/\/www.dmsjuridica.com\/buscador_20179478954\/corteconstitucionalcronologico202454587\/t-105-08\/\" class=\"_self\" target=\"_self\" >T-105-08<\/a><\/h4>\n<div class=\"pt-cv-content\">\u00a0 \u00a0 Sentencia T-105\/08 \u00a0 DERECHO A LA SALUD DEL MENOR EN PLAN OBLIGATORIO DE SALUD SUBSIDIADO-Caso en que examen no fue ordenado por M\u00e9dico Adscrito a entidad demandada\/DERECHO AL DIAGNOSTICO DEL MENOR-Se ordena a la Direcci\u00f3n Seccional de Salud que autorice la remisi\u00f3n de la menor para que sea valorada por un pediatra \u00a0 Tal y como se estableci\u00f3 en el aparte de consideraciones generales de la presente providencia, la soluci\u00f3n del problema jur\u00eddico aqu\u00ed planteado exige la verificaci\u00f3n del cumplimiento de las reglas de procedibilidad de la acci\u00f3n de tutela en estos casos. En el caso sub examine, ...<br \/><div class=\"pt-cv-rmwrap\"><a href=\"https:\/\/www.dmsjuridica.com\/buscador_20179478954\/corteconstitucionalcronologico202454587\/t-105-08\/\" class=\"_self pt-cv-readmore btn btn-success\" target=\"_self\">Ver Sentencia Completa...<\/a><\/div><\/div><\/div><\/div>\n<div class=\"col-md-12 col-sm-12 col-xs-12 pt-cv-content-item pt-cv-1-col\" ><div class='pt-cv-ifield'><a href=\"https:\/\/www.dmsjuridica.com\/buscador_20179478954\/corteconstitucionalcronologico202454587\/t-1049-08\/\" class=\"_self pt-cv-href-thumbnail pt-cv-thumb-default\" target=\"_self\" ><\/a>\n<div class=\"pt-cv-taxoterm above_title\"><a href='https:\/\/www.dmsjuridica.com\/buscador_20179478954\/corteconstitucionalcronologico202454587\/category\/buscar-en-toda-la-corte\/2008\/tutelas-2008\/' title='Tutelas 2008' class='pt-cv-tax-tutelas-2008'>Tutelas 2008<\/a><\/div>\n<h4 class=\"pt-cv-title\"><a href=\"https:\/\/www.dmsjuridica.com\/buscador_20179478954\/corteconstitucionalcronologico202454587\/t-1049-08\/\" class=\"_self\" target=\"_self\" >T-1049-08<\/a><\/h4>\n<div class=\"pt-cv-content\"> ...<br \/><div class=\"pt-cv-rmwrap\"><a href=\"https:\/\/www.dmsjuridica.com\/buscador_20179478954\/corteconstitucionalcronologico202454587\/t-1049-08\/\" class=\"_self pt-cv-readmore btn btn-success\" target=\"_self\">Ver Sentencia Completa...<\/a><\/div><\/div><\/div><\/div>\n<div class=\"col-md-12 col-sm-12 col-xs-12 pt-cv-content-item pt-cv-1-col\" ><div class='pt-cv-ifield'><a href=\"https:\/\/www.dmsjuridica.com\/buscador_20179478954\/corteconstitucionalcronologico202454587\/t-1048-08\/\" class=\"_self pt-cv-href-thumbnail pt-cv-thumb-default\" target=\"_self\" ><\/a>\n<div class=\"pt-cv-taxoterm above_title\"><a href='https:\/\/www.dmsjuridica.com\/buscador_20179478954\/corteconstitucionalcronologico202454587\/category\/buscar-en-toda-la-corte\/2008\/tutelas-2008\/' title='Tutelas 2008' class='pt-cv-tax-tutelas-2008'>Tutelas 2008<\/a><\/div>\n<h4 class=\"pt-cv-title\"><a href=\"https:\/\/www.dmsjuridica.com\/buscador_20179478954\/corteconstitucionalcronologico202454587\/t-1048-08\/\" class=\"_self\" target=\"_self\" >T-1048-08<\/a><\/h4>\n<div class=\"pt-cv-content\"> ...<br \/><div class=\"pt-cv-rmwrap\"><a href=\"https:\/\/www.dmsjuridica.com\/buscador_20179478954\/corteconstitucionalcronologico202454587\/t-1048-08\/\" class=\"_self pt-cv-readmore btn btn-success\" target=\"_self\">Ver Sentencia Completa...<\/a><\/div><\/div><\/div><\/div>\n<div class=\"col-md-12 col-sm-12 col-xs-12 pt-cv-content-item pt-cv-1-col\" ><div class='pt-cv-ifield'><a href=\"https:\/\/www.dmsjuridica.com\/buscador_20179478954\/corteconstitucionalcronologico202454587\/t-1047-08\/\" class=\"_self pt-cv-href-thumbnail pt-cv-thumb-default\" target=\"_self\" ><\/a>\n<div class=\"pt-cv-taxoterm above_title\"><a href='https:\/\/www.dmsjuridica.com\/buscador_20179478954\/corteconstitucionalcronologico202454587\/category\/buscar-en-toda-la-corte\/2008\/tutelas-2008\/' title='Tutelas 2008' class='pt-cv-tax-tutelas-2008'>Tutelas 2008<\/a><\/div>\n<h4 class=\"pt-cv-title\"><a href=\"https:\/\/www.dmsjuridica.com\/buscador_20179478954\/corteconstitucionalcronologico202454587\/t-1047-08\/\" class=\"_self\" target=\"_self\" >T-1047-08<\/a><\/h4>\n<div class=\"pt-cv-content\"> ...<br \/><div class=\"pt-cv-rmwrap\"><a href=\"https:\/\/www.dmsjuridica.com\/buscador_20179478954\/corteconstitucionalcronologico202454587\/t-1047-08\/\" class=\"_self pt-cv-readmore btn btn-success\" target=\"_self\">Ver Sentencia Completa...<\/a><\/div><\/div><\/div><\/div>\n<div class=\"col-md-12 col-sm-12 col-xs-12 pt-cv-content-item pt-cv-1-col\" ><div class='pt-cv-ifield'><a href=\"https:\/\/www.dmsjuridica.com\/buscador_20179478954\/corteconstitucionalcronologico202454587\/t-1046-08\/\" class=\"_self pt-cv-href-thumbnail pt-cv-thumb-default\" target=\"_self\" ><\/a>\n<div class=\"pt-cv-taxoterm above_title\"><a href='https:\/\/www.dmsjuridica.com\/buscador_20179478954\/corteconstitucionalcronologico202454587\/category\/buscar-en-toda-la-corte\/2008\/tutelas-2008\/' title='Tutelas 2008' class='pt-cv-tax-tutelas-2008'>Tutelas 2008<\/a><\/div>\n<h4 class=\"pt-cv-title\"><a href=\"https:\/\/www.dmsjuridica.com\/buscador_20179478954\/corteconstitucionalcronologico202454587\/t-1046-08\/\" class=\"_self\" target=\"_self\" >T-1046-08<\/a><\/h4>\n<div class=\"pt-cv-content\"> ...<br \/><div class=\"pt-cv-rmwrap\"><a href=\"https:\/\/www.dmsjuridica.com\/buscador_20179478954\/corteconstitucionalcronologico202454587\/t-1046-08\/\" class=\"_self pt-cv-readmore btn btn-success\" target=\"_self\">Ver Sentencia Completa...<\/a><\/div><\/div><\/div><\/div>\n<div class=\"col-md-12 col-sm-12 col-xs-12 pt-cv-content-item pt-cv-1-col\" ><div class='pt-cv-ifield'><a href=\"https:\/\/www.dmsjuridica.com\/buscador_20179478954\/corteconstitucionalcronologico202454587\/t-1045-08\/\" class=\"_self pt-cv-href-thumbnail pt-cv-thumb-default\" target=\"_self\" ><\/a>\n<div class=\"pt-cv-taxoterm above_title\"><a href='https:\/\/www.dmsjuridica.com\/buscador_20179478954\/corteconstitucionalcronologico202454587\/category\/buscar-en-toda-la-corte\/2008\/tutelas-2008\/' title='Tutelas 2008' class='pt-cv-tax-tutelas-2008'>Tutelas 2008<\/a><\/div>\n<h4 class=\"pt-cv-title\"><a href=\"https:\/\/www.dmsjuridica.com\/buscador_20179478954\/corteconstitucionalcronologico202454587\/t-1045-08\/\" class=\"_self\" target=\"_self\" >T-1045-08<\/a><\/h4>\n<div class=\"pt-cv-content\">ACCION DE TUTELA CONTRA DECISION DE LA INTENDENCIA REGIONAL DE MANIZALES DE LA SUPERINTENDENCIA DE SOCIEDADES-Procedencia de la tutela frente a \u00e9sta por tener car\u00e1cter judicial \u00a0 Sea lo primero advertir que la doctrina de las v\u00edas de hecho fue paulatinamente elaborada en la jurisprudencia de la Corte Constitucional, para dar respuesta a las violaciones de derechos fundamentales provenientes de decisiones judiciales y en particular de las sentencias. En el caso que ahora ocupa la atenci\u00f3n de la Sala la violaci\u00f3n de los derechos fundamentales del actor se atribuye a una decisi\u00f3n proferida por la Intendencia Regional de Manizales de ...<br \/><div class=\"pt-cv-rmwrap\"><a href=\"https:\/\/www.dmsjuridica.com\/buscador_20179478954\/corteconstitucionalcronologico202454587\/t-1045-08\/\" class=\"_self pt-cv-readmore btn btn-success\" target=\"_self\">Ver Sentencia Completa...<\/a><\/div><\/div><\/div><\/div>\n<div class=\"col-md-12 col-sm-12 col-xs-12 pt-cv-content-item pt-cv-1-col\" ><div class='pt-cv-ifield'><a href=\"https:\/\/www.dmsjuridica.com\/buscador_20179478954\/corteconstitucionalcronologico202454587\/t-1044-08\/\" class=\"_self pt-cv-href-thumbnail pt-cv-thumb-default\" target=\"_self\" ><\/a>\n<div class=\"pt-cv-taxoterm above_title\"><a href='https:\/\/www.dmsjuridica.com\/buscador_20179478954\/corteconstitucionalcronologico202454587\/category\/buscar-en-toda-la-corte\/2008\/tutelas-2008\/' title='Tutelas 2008' class='pt-cv-tax-tutelas-2008'>Tutelas 2008<\/a><\/div>\n<h4 class=\"pt-cv-title\"><a href=\"https:\/\/www.dmsjuridica.com\/buscador_20179478954\/corteconstitucionalcronologico202454587\/t-1044-08\/\" class=\"_self\" target=\"_self\" >T-1044-08<\/a><\/h4>\n<div class=\"pt-cv-content\"> ...<br \/><div class=\"pt-cv-rmwrap\"><a href=\"https:\/\/www.dmsjuridica.com\/buscador_20179478954\/corteconstitucionalcronologico202454587\/t-1044-08\/\" class=\"_self pt-cv-readmore btn btn-success\" target=\"_self\">Ver Sentencia Completa...<\/a><\/div><\/div><\/div><\/div>\n<div class=\"col-md-12 col-sm-12 col-xs-12 pt-cv-content-item pt-cv-1-col\" ><div class='pt-cv-ifield'><a href=\"https:\/\/www.dmsjuridica.com\/buscador_20179478954\/corteconstitucionalcronologico202454587\/t-1043-08\/\" class=\"_self pt-cv-href-thumbnail pt-cv-thumb-default\" target=\"_self\" ><\/a>\n<div class=\"pt-cv-taxoterm above_title\"><a href='https:\/\/www.dmsjuridica.com\/buscador_20179478954\/corteconstitucionalcronologico202454587\/category\/buscar-en-toda-la-corte\/2008\/tutelas-2008\/' title='Tutelas 2008' class='pt-cv-tax-tutelas-2008'>Tutelas 2008<\/a><\/div>\n<h4 class=\"pt-cv-title\"><a href=\"https:\/\/www.dmsjuridica.com\/buscador_20179478954\/corteconstitucionalcronologico202454587\/t-1043-08\/\" class=\"_self\" target=\"_self\" >T-1043-08<\/a><\/h4>\n<div class=\"pt-cv-content\"> ...<br \/><div class=\"pt-cv-rmwrap\"><a href=\"https:\/\/www.dmsjuridica.com\/buscador_20179478954\/corteconstitucionalcronologico202454587\/t-1043-08\/\" class=\"_self pt-cv-readmore btn btn-success\" target=\"_self\">Ver Sentencia Completa...<\/a><\/div><\/div><\/div><\/div>\n<div class=\"col-md-12 col-sm-12 col-xs-12 pt-cv-content-item pt-cv-1-col\" ><div class='pt-cv-ifield'><a href=\"https:\/\/www.dmsjuridica.com\/buscador_20179478954\/corteconstitucionalcronologico202454587\/t-1042-08\/\" class=\"_self pt-cv-href-thumbnail pt-cv-thumb-default\" target=\"_self\" ><\/a>\n<div class=\"pt-cv-taxoterm above_title\"><a href='https:\/\/www.dmsjuridica.com\/buscador_20179478954\/corteconstitucionalcronologico202454587\/category\/buscar-en-toda-la-corte\/2008\/tutelas-2008\/' title='Tutelas 2008' class='pt-cv-tax-tutelas-2008'>Tutelas 2008<\/a><\/div>\n<h4 class=\"pt-cv-title\"><a href=\"https:\/\/www.dmsjuridica.com\/buscador_20179478954\/corteconstitucionalcronologico202454587\/t-1042-08\/\" class=\"_self\" target=\"_self\" >T-1042-08<\/a><\/h4>\n<div class=\"pt-cv-content\"> ...<br \/><div class=\"pt-cv-rmwrap\"><a href=\"https:\/\/www.dmsjuridica.com\/buscador_20179478954\/corteconstitucionalcronologico202454587\/t-1042-08\/\" class=\"_self pt-cv-readmore btn btn-success\" target=\"_self\">Ver Sentencia Completa...<\/a><\/div><\/div><\/div><\/div>\n<div class=\"col-md-12 col-sm-12 col-xs-12 pt-cv-content-item pt-cv-1-col\" ><div class='pt-cv-ifield'><a href=\"https:\/\/www.dmsjuridica.com\/buscador_20179478954\/corteconstitucionalcronologico202454587\/t-1041-08\/\" class=\"_self pt-cv-href-thumbnail pt-cv-thumb-default\" target=\"_self\" ><\/a>\n<div class=\"pt-cv-taxoterm above_title\"><a href='https:\/\/www.dmsjuridica.com\/buscador_20179478954\/corteconstitucionalcronologico202454587\/category\/buscar-en-toda-la-corte\/2008\/tutelas-2008\/' title='Tutelas 2008' class='pt-cv-tax-tutelas-2008'>Tutelas 2008<\/a><\/div>\n<h4 class=\"pt-cv-title\"><a href=\"https:\/\/www.dmsjuridica.com\/buscador_20179478954\/corteconstitucionalcronologico202454587\/t-1041-08\/\" class=\"_self\" target=\"_self\" >T-1041-08<\/a><\/h4>\n<div class=\"pt-cv-content\">\u00a0 \u00a0 Sentencia T-1041\/08 \u00a0 ACCION DE TUTELA-Hecho superado \u00a0 Observa la Sala que se ha configurado la carencia actual de objeto por hecho superado por cuanto en el tr\u00e1mite de la presente acci\u00f3n de tutela cesaron los motivos que originaron su interposici\u00f3n. En efecto, seg\u00fan se aprecia de la constancia procedente del Juzgado Tercero Penal Municipal con funciones de conocimiento de Bogot\u00e1 D.C., el hecho que se consider\u00f3 vulnerador de los derechos fundamentales, a saber la repetici\u00f3n de la audiencia de juicio, ya se efectu\u00f3 y en este momento \u2013que es precisamente la pretensi\u00f3n perseguida por el actor- se ...<br \/><div class=\"pt-cv-rmwrap\"><a href=\"https:\/\/www.dmsjuridica.com\/buscador_20179478954\/corteconstitucionalcronologico202454587\/t-1041-08\/\" class=\"_self pt-cv-readmore btn btn-success\" target=\"_self\">Ver Sentencia Completa...<\/a><\/div><\/div><\/div><\/div>\n<div class=\"col-md-12 col-sm-12 col-xs-12 pt-cv-content-item pt-cv-1-col\" ><div class='pt-cv-ifield'><a href=\"https:\/\/www.dmsjuridica.com\/buscador_20179478954\/corteconstitucionalcronologico202454587\/t-1040-08\/\" class=\"_self pt-cv-href-thumbnail pt-cv-thumb-default\" target=\"_self\" ><\/a>\n<div class=\"pt-cv-taxoterm above_title\"><a href='https:\/\/www.dmsjuridica.com\/buscador_20179478954\/corteconstitucionalcronologico202454587\/category\/buscar-en-toda-la-corte\/2008\/tutelas-2008\/' title='Tutelas 2008' class='pt-cv-tax-tutelas-2008'>Tutelas 2008<\/a><\/div>\n<h4 class=\"pt-cv-title\"><a href=\"https:\/\/www.dmsjuridica.com\/buscador_20179478954\/corteconstitucionalcronologico202454587\/t-1040-08\/\" class=\"_self\" target=\"_self\" >T-1040-08<\/a><\/h4>\n<div class=\"pt-cv-content\"> ...<br \/><div class=\"pt-cv-rmwrap\"><a href=\"https:\/\/www.dmsjuridica.com\/buscador_20179478954\/corteconstitucionalcronologico202454587\/t-1040-08\/\" class=\"_self pt-cv-readmore btn btn-success\" target=\"_self\">Ver Sentencia Completa...<\/a><\/div><\/div><\/div><\/div>\n<div class=\"col-md-12 col-sm-12 col-xs-12 pt-cv-content-item pt-cv-1-col\" ><div class='pt-cv-ifield'><a href=\"https:\/\/www.dmsjuridica.com\/buscador_20179478954\/corteconstitucionalcronologico202454587\/t-104-08\/\" class=\"_self pt-cv-href-thumbnail pt-cv-thumb-default\" target=\"_self\" ><\/a>\n<div class=\"pt-cv-taxoterm above_title\"><a href='https:\/\/www.dmsjuridica.com\/buscador_20179478954\/corteconstitucionalcronologico202454587\/category\/buscar-en-toda-la-corte\/2008\/tutelas-2008\/' title='Tutelas 2008' class='pt-cv-tax-tutelas-2008'>Tutelas 2008<\/a><\/div>\n<h4 class=\"pt-cv-title\"><a href=\"https:\/\/www.dmsjuridica.com\/buscador_20179478954\/corteconstitucionalcronologico202454587\/t-104-08\/\" class=\"_self\" target=\"_self\" >T-104-08<\/a><\/h4>\n<div class=\"pt-cv-content\">\u00a0 \u00a0 Sentencia T-104\/08 \u00a0 PENSION DE INVALIDEZ-Requisitos para reconocimiento y pago y cambio introducido por Ley 860\/03 \u00a0 PENSION DE INVALIDEZ-Se neg\u00f3 su reconocimiento por no reunir el requisito de fidelidad al sistema de pensiones \u00a0 PRINCIPIO DE PROGRESIVIDAD EN DERECHO A LA SEGURIDAD SOCIAL-Aplicaci\u00f3n a la pensi\u00f3n de invalidez \u00a0 PENSION DE INVALIDEZ-Requisitos para obtener reconocimiento y pago \u00a0 LEY 860\/03-Impone mayores exigencias para acceder a pensi\u00f3n de invalidez\/LEY 860\/03-Regulaci\u00f3n regresiva en materia de pensi\u00f3n de invalidez \u00a0 PENSION DE INVALIDEZ Y REQUISITO DE FIDELIDAD-Caso en que demandante cumple con los requisitos del r\u00e9gimen anterior \u00a0 Referencia: expediente ...<br \/><div class=\"pt-cv-rmwrap\"><a href=\"https:\/\/www.dmsjuridica.com\/buscador_20179478954\/corteconstitucionalcronologico202454587\/t-104-08\/\" class=\"_self pt-cv-readmore btn btn-success\" target=\"_self\">Ver Sentencia Completa...<\/a><\/div><\/div><\/div><\/div>\n<div class=\"col-md-12 col-sm-12 col-xs-12 pt-cv-content-item pt-cv-1-col\" ><div class='pt-cv-ifield'><a href=\"https:\/\/www.dmsjuridica.com\/buscador_20179478954\/corteconstitucionalcronologico202454587\/t-1039-08\/\" class=\"_self pt-cv-href-thumbnail pt-cv-thumb-default\" target=\"_self\" ><\/a>\n<div class=\"pt-cv-taxoterm above_title\"><a href='https:\/\/www.dmsjuridica.com\/buscador_20179478954\/corteconstitucionalcronologico202454587\/category\/buscar-en-toda-la-corte\/2008\/tutelas-2008\/' title='Tutelas 2008' class='pt-cv-tax-tutelas-2008'>Tutelas 2008<\/a><\/div>\n<h4 class=\"pt-cv-title\"><a href=\"https:\/\/www.dmsjuridica.com\/buscador_20179478954\/corteconstitucionalcronologico202454587\/t-1039-08\/\" class=\"_self\" target=\"_self\" >T-1039-08<\/a><\/h4>\n<div class=\"pt-cv-content\">\u00a0 \u00a0 Sentencia T-1039\/08\u00a0 \u00a0 ACCION DE TUTELA CONTRA PROVIDENCIAS JUDICIALES-Requisitos \u00a0 PROCESO DE RENDICION DE CUENTAS-Caso en que el Juez se apart\u00f3 del procedimiento previsto en la regla tercera del art\u00edculo 418 del CPC\/VIA DE HECHO POR DEFECTO PROCEDIMENTAL \u00a0 Es evidente que el Juzgado le imprimi\u00f3 un tr\u00e1mite ad hoc y sui generis a este proceso, pues mezcl\u00f3 las distintas reglas que para hip\u00f3tesis diferentes consagra el art\u00edculo 418 del C\u00f3digo de Procedimiento Civil, como quiera que el procedimiento es uno cuando el demandado no se opone a rendir las cuentas seg\u00fan la regla segunda de esa disposici\u00f3n ...<br \/><div class=\"pt-cv-rmwrap\"><a href=\"https:\/\/www.dmsjuridica.com\/buscador_20179478954\/corteconstitucionalcronologico202454587\/t-1039-08\/\" class=\"_self pt-cv-readmore btn btn-success\" target=\"_self\">Ver Sentencia Completa...<\/a><\/div><\/div><\/div><\/div>\n<div class=\"col-md-12 col-sm-12 col-xs-12 pt-cv-content-item pt-cv-1-col\" ><div class='pt-cv-ifield'><a href=\"https:\/\/www.dmsjuridica.com\/buscador_20179478954\/corteconstitucionalcronologico202454587\/t-1038-08\/\" class=\"_self pt-cv-href-thumbnail pt-cv-thumb-default\" target=\"_self\" ><\/a>\n<div class=\"pt-cv-taxoterm above_title\"><a href='https:\/\/www.dmsjuridica.com\/buscador_20179478954\/corteconstitucionalcronologico202454587\/category\/buscar-en-toda-la-corte\/2008\/tutelas-2008\/' title='Tutelas 2008' class='pt-cv-tax-tutelas-2008'>Tutelas 2008<\/a><\/div>\n<h4 class=\"pt-cv-title\"><a href=\"https:\/\/www.dmsjuridica.com\/buscador_20179478954\/corteconstitucionalcronologico202454587\/t-1038-08\/\" class=\"_self\" target=\"_self\" >T-1038-08<\/a><\/h4>\n<div class=\"pt-cv-content\">\u00a0 \u00a0 \u00a0\u00a0 DERECHO A LA VIDA DIGNA DE PERSONA DE LA TERCERA EDAD-Reiteraci\u00f3n de jurisprudencia sobre el suministro y adaptaci\u00f3n de aud\u00edfonos\/ENTIDAD PROMOTORA DE SALUD-Obligaci\u00f3n de adaptaci\u00f3n y suministro de aud\u00edfonos por estar incluidos en el POS \u00a0 De nuevo, la Corte reitera que el suministro y la adaptaci\u00f3n de aud\u00edfonos se encuentran contemplados en el Plan Obligatorio de Salud. En esa medida, no es de recibo para este Tribunal la argumentaci\u00f3n expuesta por el juez de instancia en tanto la improcedencia de la acci\u00f3n de tutela se sustent\u00f3 en el incumplimiento de uno de los requisitos jurisprudenciales para ...<br \/><div class=\"pt-cv-rmwrap\"><a href=\"https:\/\/www.dmsjuridica.com\/buscador_20179478954\/corteconstitucionalcronologico202454587\/t-1038-08\/\" class=\"_self pt-cv-readmore btn btn-success\" target=\"_self\">Ver Sentencia Completa...<\/a><\/div><\/div><\/div><\/div>\n<div class=\"col-md-12 col-sm-12 col-xs-12 pt-cv-content-item pt-cv-1-col\" ><div class='pt-cv-ifield'><a href=\"https:\/\/www.dmsjuridica.com\/buscador_20179478954\/corteconstitucionalcronologico202454587\/t-1037-08\/\" class=\"_self pt-cv-href-thumbnail pt-cv-thumb-default\" target=\"_self\" ><\/a>\n<div class=\"pt-cv-taxoterm above_title\"><a href='https:\/\/www.dmsjuridica.com\/buscador_20179478954\/corteconstitucionalcronologico202454587\/category\/buscar-en-toda-la-corte\/2008\/tutelas-2008\/' title='Tutelas 2008' class='pt-cv-tax-tutelas-2008'>Tutelas 2008<\/a><\/div>\n<h4 class=\"pt-cv-title\"><a href=\"https:\/\/www.dmsjuridica.com\/buscador_20179478954\/corteconstitucionalcronologico202454587\/t-1037-08\/\" class=\"_self\" target=\"_self\" >T-1037-08<\/a><\/h4>\n<div class=\"pt-cv-content\"> ...<br \/><div class=\"pt-cv-rmwrap\"><a href=\"https:\/\/www.dmsjuridica.com\/buscador_20179478954\/corteconstitucionalcronologico202454587\/t-1037-08\/\" class=\"_self pt-cv-readmore btn btn-success\" target=\"_self\">Ver Sentencia Completa...<\/a><\/div><\/div><\/div><\/div>\n<div class=\"col-md-12 col-sm-12 col-xs-12 pt-cv-content-item pt-cv-1-col\" ><div class='pt-cv-ifield'><a href=\"https:\/\/www.dmsjuridica.com\/buscador_20179478954\/corteconstitucionalcronologico202454587\/t-1036-08\/\" class=\"_self pt-cv-href-thumbnail pt-cv-thumb-default\" target=\"_self\" ><\/a>\n<div class=\"pt-cv-taxoterm above_title\"><a href='https:\/\/www.dmsjuridica.com\/buscador_20179478954\/corteconstitucionalcronologico202454587\/category\/buscar-en-toda-la-corte\/2008\/tutelas-2008\/' title='Tutelas 2008' class='pt-cv-tax-tutelas-2008'>Tutelas 2008<\/a><\/div>\n<h4 class=\"pt-cv-title\"><a href=\"https:\/\/www.dmsjuridica.com\/buscador_20179478954\/corteconstitucionalcronologico202454587\/t-1036-08\/\" class=\"_self\" target=\"_self\" >T-1036-08<\/a><\/h4>\n<div class=\"pt-cv-content\"> ...<br \/><div class=\"pt-cv-rmwrap\"><a href=\"https:\/\/www.dmsjuridica.com\/buscador_20179478954\/corteconstitucionalcronologico202454587\/t-1036-08\/\" class=\"_self pt-cv-readmore btn btn-success\" target=\"_self\">Ver Sentencia Completa...<\/a><\/div><\/div><\/div><\/div>\n<div class=\"col-md-12 col-sm-12 col-xs-12 pt-cv-content-item pt-cv-1-col\" ><div class='pt-cv-ifield'><a href=\"https:\/\/www.dmsjuridica.com\/buscador_20179478954\/corteconstitucionalcronologico202454587\/t-1034-08\/\" class=\"_self pt-cv-href-thumbnail pt-cv-thumb-default\" target=\"_self\" ><\/a>\n<div class=\"pt-cv-taxoterm above_title\"><a href='https:\/\/www.dmsjuridica.com\/buscador_20179478954\/corteconstitucionalcronologico202454587\/category\/buscar-en-toda-la-corte\/2008\/tutelas-2008\/' title='Tutelas 2008' class='pt-cv-tax-tutelas-2008'>Tutelas 2008<\/a><\/div>\n<h4 class=\"pt-cv-title\"><a href=\"https:\/\/www.dmsjuridica.com\/buscador_20179478954\/corteconstitucionalcronologico202454587\/t-1034-08\/\" class=\"_self\" target=\"_self\" >T-1034-08<\/a><\/h4>\n<div class=\"pt-cv-content\"> ...<br \/><div class=\"pt-cv-rmwrap\"><a href=\"https:\/\/www.dmsjuridica.com\/buscador_20179478954\/corteconstitucionalcronologico202454587\/t-1034-08\/\" class=\"_self pt-cv-readmore btn btn-success\" target=\"_self\">Ver Sentencia Completa...<\/a><\/div><\/div><\/div><\/div>\n<div class=\"col-md-12 col-sm-12 col-xs-12 pt-cv-content-item pt-cv-1-col\" ><div class='pt-cv-ifield'><a href=\"https:\/\/www.dmsjuridica.com\/buscador_20179478954\/corteconstitucionalcronologico202454587\/t-1033-08\/\" class=\"_self pt-cv-href-thumbnail pt-cv-thumb-default\" target=\"_self\" ><\/a>\n<div class=\"pt-cv-taxoterm above_title\"><a href='https:\/\/www.dmsjuridica.com\/buscador_20179478954\/corteconstitucionalcronologico202454587\/category\/buscar-en-toda-la-corte\/2008\/tutelas-2008\/' title='Tutelas 2008' class='pt-cv-tax-tutelas-2008'>Tutelas 2008<\/a><\/div>\n<h4 class=\"pt-cv-title\"><a href=\"https:\/\/www.dmsjuridica.com\/buscador_20179478954\/corteconstitucionalcronologico202454587\/t-1033-08\/\" class=\"_self\" target=\"_self\" >T-1033-08<\/a><\/h4>\n<div class=\"pt-cv-content\"> ...<br \/><div class=\"pt-cv-rmwrap\"><a href=\"https:\/\/www.dmsjuridica.com\/buscador_20179478954\/corteconstitucionalcronologico202454587\/t-1033-08\/\" class=\"_self pt-cv-readmore btn btn-success\" target=\"_self\">Ver Sentencia Completa...<\/a><\/div><\/div><\/div><\/div>\n<div class=\"col-md-12 col-sm-12 col-xs-12 pt-cv-content-item pt-cv-1-col\" ><div class='pt-cv-ifield'><a href=\"https:\/\/www.dmsjuridica.com\/buscador_20179478954\/corteconstitucionalcronologico202454587\/t-1032-08\/\" class=\"_self pt-cv-href-thumbnail pt-cv-thumb-default\" target=\"_self\" ><\/a>\n<div class=\"pt-cv-taxoterm above_title\"><a href='https:\/\/www.dmsjuridica.com\/buscador_20179478954\/corteconstitucionalcronologico202454587\/category\/buscar-en-toda-la-corte\/2008\/tutelas-2008\/' title='Tutelas 2008' class='pt-cv-tax-tutelas-2008'>Tutelas 2008<\/a><\/div>\n<h4 class=\"pt-cv-title\"><a href=\"https:\/\/www.dmsjuridica.com\/buscador_20179478954\/corteconstitucionalcronologico202454587\/t-1032-08\/\" class=\"_self\" target=\"_self\" >T-1032-08<\/a><\/h4>\n<div class=\"pt-cv-content\">\u00a0 \u00a0 SENTENCIA T-1032\/08 \u00a0 (Bogot\u00e1 DC, octubre 17) \u00a0 ACCION DE TUTELA TEMERARIA-Presentaci\u00f3n de una nueva tutela en caso en el que demandante es una persona de la tercera edad, con bajo grado de escolaridad y carece de recursos econ\u00f3micos \u00a0 Existen motivos suficientes para justificar la interposici\u00f3n de la segunda acci\u00f3n de tutela, dado que el demandante es una persona de 75 a\u00f1os, con escaso grado de escolaridad -solo curs\u00f3 hasta segundo a\u00f1o de primaria- y carece de recursos econ\u00f3micos para su subsistencia. Adem\u00e1s las pretensiones de la demanda y de los derechos que se aducen como vulnerados, ...<br \/><div class=\"pt-cv-rmwrap\"><a href=\"https:\/\/www.dmsjuridica.com\/buscador_20179478954\/corteconstitucionalcronologico202454587\/t-1032-08\/\" class=\"_self pt-cv-readmore btn btn-success\" target=\"_self\">Ver Sentencia Completa...<\/a><\/div><\/div><\/div><\/div>\n<div class=\"col-md-12 col-sm-12 col-xs-12 pt-cv-content-item pt-cv-1-col\" ><div class='pt-cv-ifield'><a href=\"https:\/\/www.dmsjuridica.com\/buscador_20179478954\/corteconstitucionalcronologico202454587\/t-1031-08\/\" class=\"_self pt-cv-href-thumbnail pt-cv-thumb-default\" target=\"_self\" ><\/a>\n<div class=\"pt-cv-taxoterm above_title\"><a href='https:\/\/www.dmsjuridica.com\/buscador_20179478954\/corteconstitucionalcronologico202454587\/category\/buscar-en-toda-la-corte\/2008\/tutelas-2008\/' title='Tutelas 2008' class='pt-cv-tax-tutelas-2008'>Tutelas 2008<\/a><\/div>\n<h4 class=\"pt-cv-title\"><a href=\"https:\/\/www.dmsjuridica.com\/buscador_20179478954\/corteconstitucionalcronologico202454587\/t-1031-08\/\" class=\"_self\" target=\"_self\" >T-1031-08<\/a><\/h4>\n<div class=\"pt-cv-content\">\u00a0 \u00a0 SENTENCIA T-1031\/08 \u00a0 DERECHO A LA SALUD DEL INTERNO-Obligaci\u00f3n del estado de garantizarlo\/DERECHO A LA SALUD DEL INTERNO-Pr\u00e1ctica de cirug\u00eda \u00a0 Referencia: expediente T-1.942.503 \u00a0 Accionante: Emilio Mina Guaza \u00a0 Accionado: Director General del Instituto Nacional Penitenciario y Carcelario \u2013INPEC-, y Director Establecimiento Penitenciario y Carcelario de Calarc\u00e1 (Quind\u00edo). \u00a0 Fallo de tutela objeto de revisi\u00f3n: Sentencia del 4 de abril de 2008 Juzgado Promiscuo de Familia de Calarc\u00e1 (Quind\u00edo) \u00a0 Magistrados de la Sala Quinta de Revisi\u00f3n: Mauricio Gonz\u00e1lez Cuervo, Marco Gerardo Monroy Cabra, Nilson Pinilla Pinilla. \u00a0 Magistrado Ponente: Mauricio Gonz\u00e1lez Cuervo \u00a0 I. ANTECEDENTES \u00a0 ...<br \/><div class=\"pt-cv-rmwrap\"><a href=\"https:\/\/www.dmsjuridica.com\/buscador_20179478954\/corteconstitucionalcronologico202454587\/t-1031-08\/\" class=\"_self pt-cv-readmore btn btn-success\" target=\"_self\">Ver Sentencia Completa...<\/a><\/div><\/div><\/div><\/div>\n<div class=\"col-md-12 col-sm-12 col-xs-12 pt-cv-content-item pt-cv-1-col\" ><div class='pt-cv-ifield'><a href=\"https:\/\/www.dmsjuridica.com\/buscador_20179478954\/corteconstitucionalcronologico202454587\/t-1030-08\/\" class=\"_self pt-cv-href-thumbnail pt-cv-thumb-default\" target=\"_self\" ><\/a>\n<div class=\"pt-cv-taxoterm above_title\"><a href='https:\/\/www.dmsjuridica.com\/buscador_20179478954\/corteconstitucionalcronologico202454587\/category\/buscar-en-toda-la-corte\/2008\/tutelas-2008\/' title='Tutelas 2008' class='pt-cv-tax-tutelas-2008'>Tutelas 2008<\/a><\/div>\n<h4 class=\"pt-cv-title\"><a href=\"https:\/\/www.dmsjuridica.com\/buscador_20179478954\/corteconstitucionalcronologico202454587\/t-1030-08\/\" class=\"_self\" target=\"_self\" >T-1030-08<\/a><\/h4>\n<div class=\"pt-cv-content\">\u00a0 \u00a0 SENTENCIA T-1030\/08 \u00a0 DERECHO A LA PENSION DE INVALIDEZ COMO PARTE DE LA SEGURIDAD SOCIAL-Tratamiento constitucional y legal \u00a0 El derecho a la pensi\u00f3n de invalidez puede ser fundamental cuando se encuentra en conexidad con derechos fundamentales como la vida, la integridad f\u00edsica, el trabajo y el m\u00ednimo vital. As\u00ed, en aquellos casos en los que la omisi\u00f3n de pago o de reconocimiento del derecho prestacional pone en riesgo o amenaza gravemente la vida en condiciones dignas de una persona en estado de invalidez, procede la acci\u00f3n de tutela. En efecto, se ha estimado que someter a un ...<br \/><div class=\"pt-cv-rmwrap\"><a href=\"https:\/\/www.dmsjuridica.com\/buscador_20179478954\/corteconstitucionalcronologico202454587\/t-1030-08\/\" class=\"_self pt-cv-readmore btn btn-success\" target=\"_self\">Ver Sentencia Completa...<\/a><\/div><\/div><\/div><\/div>\n<div class=\"col-md-12 col-sm-12 col-xs-12 pt-cv-content-item pt-cv-1-col\" ><div class='pt-cv-ifield'><a href=\"https:\/\/www.dmsjuridica.com\/buscador_20179478954\/corteconstitucionalcronologico202454587\/t-103-08\/\" class=\"_self pt-cv-href-thumbnail pt-cv-thumb-default\" target=\"_self\" ><\/a>\n<div class=\"pt-cv-taxoterm above_title\"><a href='https:\/\/www.dmsjuridica.com\/buscador_20179478954\/corteconstitucionalcronologico202454587\/category\/buscar-en-toda-la-corte\/2008\/tutelas-2008\/' title='Tutelas 2008' class='pt-cv-tax-tutelas-2008'>Tutelas 2008<\/a><\/div>\n<h4 class=\"pt-cv-title\"><a href=\"https:\/\/www.dmsjuridica.com\/buscador_20179478954\/corteconstitucionalcronologico202454587\/t-103-08\/\" class=\"_self\" target=\"_self\" >T-103-08<\/a><\/h4>\n<div class=\"pt-cv-content\">\u00a0 \u00a0 Sentencia T-103\/08 \u00a0 PENSION DE INVALIDEZ-Requisitos para reconocimiento y pago y cambio introducido por Ley 860\/03 \u00a0 El Sistema General de Seguridad Social en Pensiones, recogido en la ley 100 de 1993 defini\u00f3 en el art\u00edculo 39 los requisitos que debe acreditar todo trabajador para lograr obtener el reconocimiento y pago de la pensi\u00f3n de invalidez. Este art\u00edculo fue modificado por la ley 797 de 2003, la cual fue declarada inexequible por la Corte Constitucional en la sentencia C-1056\/03. Posteriormente, la ley 100 de 1993 fue nuevamente modificada por la ley 860 de 2003 que entr\u00f3 en vigencia ...<br \/><div class=\"pt-cv-rmwrap\"><a href=\"https:\/\/www.dmsjuridica.com\/buscador_20179478954\/corteconstitucionalcronologico202454587\/t-103-08\/\" class=\"_self pt-cv-readmore btn btn-success\" target=\"_self\">Ver Sentencia Completa...<\/a><\/div><\/div><\/div><\/div>\n<div class=\"col-md-12 col-sm-12 col-xs-12 pt-cv-content-item pt-cv-1-col\" ><div class='pt-cv-ifield'><a href=\"https:\/\/www.dmsjuridica.com\/buscador_20179478954\/corteconstitucionalcronologico202454587\/t-1029-08\/\" class=\"_self pt-cv-href-thumbnail pt-cv-thumb-default\" target=\"_self\" ><\/a>\n<div class=\"pt-cv-taxoterm above_title\"><a href='https:\/\/www.dmsjuridica.com\/buscador_20179478954\/corteconstitucionalcronologico202454587\/category\/buscar-en-toda-la-corte\/2008\/tutelas-2008\/' title='Tutelas 2008' class='pt-cv-tax-tutelas-2008'>Tutelas 2008<\/a><\/div>\n<h4 class=\"pt-cv-title\"><a href=\"https:\/\/www.dmsjuridica.com\/buscador_20179478954\/corteconstitucionalcronologico202454587\/t-1029-08\/\" class=\"_self\" target=\"_self\" >T-1029-08<\/a><\/h4>\n<div class=\"pt-cv-content\">\u00a0 \u00a0 SENTENCIA T-1029\/08 \u00a0 (Bogot\u00e1 DC, octubre 17) \u00a0 ACCION DE TUTELA CONTRA PROVIDENCIAS JUDICIALES-Se solicita espec\u00edficamente dejar sin efecto un numeral de una sentencia de la Secci\u00f3n Segunda del Consejo de Estado \u00a0 ALCANCE DEL AUTO 100\/08-Caso en que la decisi\u00f3n tomada en instancia por la que se deneg\u00f3 el amparo se asimila a una providencia en la que se declara improcedente la acci\u00f3n \u00a0 ACCION DE TUTELA CONTRA PROVIDENCIAS JUDICIALES EN LA JURISPRUDENCIA CONSTITUCIONAL-Causales de procedibilidad\u00a0 \u00a0 PRINCIPIO DE INMEDIATEZ COMO REQUISITO DE PROCEDIBILIDAD DE LA TUTELA \u00a0 Al no acreditarse para el caso la inmediatez como ...<br \/><div class=\"pt-cv-rmwrap\"><a href=\"https:\/\/www.dmsjuridica.com\/buscador_20179478954\/corteconstitucionalcronologico202454587\/t-1029-08\/\" class=\"_self pt-cv-readmore btn btn-success\" target=\"_self\">Ver Sentencia Completa...<\/a><\/div><\/div><\/div><\/div>\n<div class=\"col-md-12 col-sm-12 col-xs-12 pt-cv-content-item pt-cv-1-col\" ><div class='pt-cv-ifield'><a href=\"https:\/\/www.dmsjuridica.com\/buscador_20179478954\/corteconstitucionalcronologico202454587\/t-1028-08\/\" class=\"_self pt-cv-href-thumbnail pt-cv-thumb-default\" target=\"_self\" ><\/a>\n<div class=\"pt-cv-taxoterm above_title\"><a href='https:\/\/www.dmsjuridica.com\/buscador_20179478954\/corteconstitucionalcronologico202454587\/category\/buscar-en-toda-la-corte\/2008\/tutelas-2008\/' title='Tutelas 2008' class='pt-cv-tax-tutelas-2008'>Tutelas 2008<\/a><\/div>\n<h4 class=\"pt-cv-title\"><a href=\"https:\/\/www.dmsjuridica.com\/buscador_20179478954\/corteconstitucionalcronologico202454587\/t-1028-08\/\" class=\"_self\" target=\"_self\" >T-1028-08<\/a><\/h4>\n<div class=\"pt-cv-content\">\u00a0 \u00a0 Sentencia T-1028\/08 \u00a0 DEBERES ESTATALES \u00a0DE PROTECCION A FAVOR DE LOS MENORES-Caso de maltrato a menor que ya se encuentra en hogar sustituto\/HECHO SUPERADO-Concepto\u00a0 \u00a0 Teniendo en cuenta las anteriores circunstancias, considera esta Sala que el Instituto Colombiano de Bienestar Familiar, ha cumplido con sus funciones y ha hecho uso de todos los medios que tiene a su alcance para garantizar la protecci\u00f3n de los derechos de la menor, con lo que se presenta \u2013 constatada la petici\u00f3n y su situaci\u00f3n de cuidado y protecci\u00f3n brindada por el Estado - \u00a0el fen\u00f3meno jur\u00eddico conocido como hecho superado. Por ...<br \/><div class=\"pt-cv-rmwrap\"><a href=\"https:\/\/www.dmsjuridica.com\/buscador_20179478954\/corteconstitucionalcronologico202454587\/t-1028-08\/\" class=\"_self pt-cv-readmore btn btn-success\" target=\"_self\">Ver Sentencia Completa...<\/a><\/div><\/div><\/div><\/div>\n<div class=\"col-md-12 col-sm-12 col-xs-12 pt-cv-content-item pt-cv-1-col\" ><div class='pt-cv-ifield'><a href=\"https:\/\/www.dmsjuridica.com\/buscador_20179478954\/corteconstitucionalcronologico202454587\/t-1027-08\/\" class=\"_self pt-cv-href-thumbnail pt-cv-thumb-default\" target=\"_self\" ><\/a>\n<div class=\"pt-cv-taxoterm above_title\"><a href='https:\/\/www.dmsjuridica.com\/buscador_20179478954\/corteconstitucionalcronologico202454587\/category\/buscar-en-toda-la-corte\/2008\/tutelas-2008\/' title='Tutelas 2008' class='pt-cv-tax-tutelas-2008'>Tutelas 2008<\/a><\/div>\n<h4 class=\"pt-cv-title\"><a href=\"https:\/\/www.dmsjuridica.com\/buscador_20179478954\/corteconstitucionalcronologico202454587\/t-1027-08\/\" class=\"_self\" target=\"_self\" >T-1027-08<\/a><\/h4>\n<div class=\"pt-cv-content\"> ...<br \/><div class=\"pt-cv-rmwrap\"><a href=\"https:\/\/www.dmsjuridica.com\/buscador_20179478954\/corteconstitucionalcronologico202454587\/t-1027-08\/\" class=\"_self pt-cv-readmore btn btn-success\" target=\"_self\">Ver Sentencia Completa...<\/a><\/div><\/div><\/div><\/div>\n<div class=\"col-md-12 col-sm-12 col-xs-12 pt-cv-content-item pt-cv-1-col\" ><div class='pt-cv-ifield'><a href=\"https:\/\/www.dmsjuridica.com\/buscador_20179478954\/corteconstitucionalcronologico202454587\/t-1026-08\/\" class=\"_self pt-cv-href-thumbnail pt-cv-thumb-default\" target=\"_self\" ><\/a>\n<div class=\"pt-cv-taxoterm above_title\"><a href='https:\/\/www.dmsjuridica.com\/buscador_20179478954\/corteconstitucionalcronologico202454587\/category\/buscar-en-toda-la-corte\/2008\/tutelas-2008\/' title='Tutelas 2008' class='pt-cv-tax-tutelas-2008'>Tutelas 2008<\/a><\/div>\n<h4 class=\"pt-cv-title\"><a href=\"https:\/\/www.dmsjuridica.com\/buscador_20179478954\/corteconstitucionalcronologico202454587\/t-1026-08\/\" class=\"_self\" target=\"_self\" >T-1026-08<\/a><\/h4>\n<div class=\"pt-cv-content\"> ...<br \/><div class=\"pt-cv-rmwrap\"><a href=\"https:\/\/www.dmsjuridica.com\/buscador_20179478954\/corteconstitucionalcronologico202454587\/t-1026-08\/\" class=\"_self pt-cv-readmore btn btn-success\" target=\"_self\">Ver Sentencia Completa...<\/a><\/div><\/div><\/div><\/div>\n<div class=\"col-md-12 col-sm-12 col-xs-12 pt-cv-content-item pt-cv-1-col\" ><div class='pt-cv-ifield'><a href=\"https:\/\/www.dmsjuridica.com\/buscador_20179478954\/corteconstitucionalcronologico202454587\/t-1025-08\/\" class=\"_self pt-cv-href-thumbnail pt-cv-thumb-default\" target=\"_self\" ><\/a>\n<div class=\"pt-cv-taxoterm above_title\"><a href='https:\/\/www.dmsjuridica.com\/buscador_20179478954\/corteconstitucionalcronologico202454587\/category\/buscar-en-toda-la-corte\/2008\/tutelas-2008\/' title='Tutelas 2008' class='pt-cv-tax-tutelas-2008'>Tutelas 2008<\/a><\/div>\n<h4 class=\"pt-cv-title\"><a href=\"https:\/\/www.dmsjuridica.com\/buscador_20179478954\/corteconstitucionalcronologico202454587\/t-1025-08\/\" class=\"_self\" target=\"_self\" >T-1025-08<\/a><\/h4>\n<div class=\"pt-cv-content\">\u00a0 \u00a0 Sentencia T-1025\/08 \u00a0 DERECHO AL MINIMO VITAL-Caso en que se est\u00e1 pagando oportunamente la mesada y aunque falte una mesada y la prima no se puede presumir afectaci\u00f3n de este derecho \u00a0 Considera la Sala que al momento de interponer la acci\u00f3n de tutela, la accionante se encontraba recibiendo el pago de su mesada pensional, y que lo que pretende la se\u00f1ora Paredes es que se ordene a la entidad demandada el pago de la mesada pensional del mes de diciembre y la prima correspondiente al mismo mes. Respecto a la anterior solicitud, y aplicando las reglas que ...<br \/><div class=\"pt-cv-rmwrap\"><a href=\"https:\/\/www.dmsjuridica.com\/buscador_20179478954\/corteconstitucionalcronologico202454587\/t-1025-08\/\" class=\"_self pt-cv-readmore btn btn-success\" target=\"_self\">Ver Sentencia Completa...<\/a><\/div><\/div><\/div><\/div>\n<div class=\"col-md-12 col-sm-12 col-xs-12 pt-cv-content-item pt-cv-1-col\" ><div class='pt-cv-ifield'><a href=\"https:\/\/www.dmsjuridica.com\/buscador_20179478954\/corteconstitucionalcronologico202454587\/t-1024-08\/\" class=\"_self pt-cv-href-thumbnail pt-cv-thumb-default\" target=\"_self\" ><\/a>\n<div class=\"pt-cv-taxoterm above_title\"><a href='https:\/\/www.dmsjuridica.com\/buscador_20179478954\/corteconstitucionalcronologico202454587\/category\/buscar-en-toda-la-corte\/2008\/tutelas-2008\/' title='Tutelas 2008' class='pt-cv-tax-tutelas-2008'>Tutelas 2008<\/a><\/div>\n<h4 class=\"pt-cv-title\"><a href=\"https:\/\/www.dmsjuridica.com\/buscador_20179478954\/corteconstitucionalcronologico202454587\/t-1024-08\/\" class=\"_self\" target=\"_self\" >T-1024-08<\/a><\/h4>\n<div class=\"pt-cv-content\"> ...<br \/><div class=\"pt-cv-rmwrap\"><a href=\"https:\/\/www.dmsjuridica.com\/buscador_20179478954\/corteconstitucionalcronologico202454587\/t-1024-08\/\" class=\"_self pt-cv-readmore btn btn-success\" target=\"_self\">Ver Sentencia Completa...<\/a><\/div><\/div><\/div><\/div>\n<div class=\"col-md-12 col-sm-12 col-xs-12 pt-cv-content-item pt-cv-1-col\" ><div class='pt-cv-ifield'><a href=\"https:\/\/www.dmsjuridica.com\/buscador_20179478954\/corteconstitucionalcronologico202454587\/t-1023-08\/\" class=\"_self pt-cv-href-thumbnail pt-cv-thumb-default\" target=\"_self\" ><\/a>\n<div class=\"pt-cv-taxoterm above_title\"><a href='https:\/\/www.dmsjuridica.com\/buscador_20179478954\/corteconstitucionalcronologico202454587\/category\/buscar-en-toda-la-corte\/2008\/tutelas-2008\/' title='Tutelas 2008' class='pt-cv-tax-tutelas-2008'>Tutelas 2008<\/a><\/div>\n<h4 class=\"pt-cv-title\"><a href=\"https:\/\/www.dmsjuridica.com\/buscador_20179478954\/corteconstitucionalcronologico202454587\/t-1023-08\/\" class=\"_self\" target=\"_self\" >T-1023-08<\/a><\/h4>\n<div class=\"pt-cv-content\"> ...<br \/><div class=\"pt-cv-rmwrap\"><a href=\"https:\/\/www.dmsjuridica.com\/buscador_20179478954\/corteconstitucionalcronologico202454587\/t-1023-08\/\" class=\"_self pt-cv-readmore btn btn-success\" target=\"_self\">Ver Sentencia Completa...<\/a><\/div><\/div><\/div><\/div>\n<div class=\"col-md-12 col-sm-12 col-xs-12 pt-cv-content-item pt-cv-1-col\" ><div class='pt-cv-ifield'><a href=\"https:\/\/www.dmsjuridica.com\/buscador_20179478954\/corteconstitucionalcronologico202454587\/t-1022-08\/\" class=\"_self pt-cv-href-thumbnail pt-cv-thumb-default\" target=\"_self\" ><\/a>\n<div class=\"pt-cv-taxoterm above_title\"><a href='https:\/\/www.dmsjuridica.com\/buscador_20179478954\/corteconstitucionalcronologico202454587\/category\/buscar-en-toda-la-corte\/2008\/tutelas-2008\/' title='Tutelas 2008' class='pt-cv-tax-tutelas-2008'>Tutelas 2008<\/a><\/div>\n<h4 class=\"pt-cv-title\"><a href=\"https:\/\/www.dmsjuridica.com\/buscador_20179478954\/corteconstitucionalcronologico202454587\/t-1022-08\/\" class=\"_self\" target=\"_self\" >T-1022-08<\/a><\/h4>\n<div class=\"pt-cv-content\">\u00a0 \u00a0 Sentencia T-1022\/08 \u00a0 ACTO ADMINISTRATIVO-Desvinculaci\u00f3n de funcionario que ejerce en provisionalidad cargo de carrera administrativa debe ser motivada\u00a0 \u00a0 A partir de la lectura del citado acto administrativo, mediante el cual fue desvinculada la accionante, se constata que carece por entero de motivaci\u00f3n, en tanto que no se indicaron las razones que expliquen porqu\u00e9 se ordena dar por terminado el nombramiento provisional realizado a la peticionaria. De conformidad con la jurisprudencia trazada por esta corporaci\u00f3n, a que se hizo referencia en los fundamentos de esta providencia, la motivaci\u00f3n de las decisiones tomadas por la administraci\u00f3n, le brinda la ...<br \/><div class=\"pt-cv-rmwrap\"><a href=\"https:\/\/www.dmsjuridica.com\/buscador_20179478954\/corteconstitucionalcronologico202454587\/t-1022-08\/\" class=\"_self pt-cv-readmore btn btn-success\" target=\"_self\">Ver Sentencia Completa...<\/a><\/div><\/div><\/div><\/div>\n<div class=\"col-md-12 col-sm-12 col-xs-12 pt-cv-content-item pt-cv-1-col\" ><div class='pt-cv-ifield'><a href=\"https:\/\/www.dmsjuridica.com\/buscador_20179478954\/corteconstitucionalcronologico202454587\/t-1021-08\/\" class=\"_self pt-cv-href-thumbnail pt-cv-thumb-default\" target=\"_self\" ><\/a>\n<div class=\"pt-cv-taxoterm above_title\"><a href='https:\/\/www.dmsjuridica.com\/buscador_20179478954\/corteconstitucionalcronologico202454587\/category\/buscar-en-toda-la-corte\/2008\/tutelas-2008\/' title='Tutelas 2008' class='pt-cv-tax-tutelas-2008'>Tutelas 2008<\/a><\/div>\n<h4 class=\"pt-cv-title\"><a href=\"https:\/\/www.dmsjuridica.com\/buscador_20179478954\/corteconstitucionalcronologico202454587\/t-1021-08\/\" class=\"_self\" target=\"_self\" >T-1021-08<\/a><\/h4>\n<div class=\"pt-cv-content\">\u00a0 \u00a0 Sentencia T-1021\/08 \u00a0 ACCION DE TUTELA CONTRA PROVIDENCIAS JUDICIALES-Inexistencia de v\u00eda de hecho en el caso concreto \u00a0 ACCION DE TUTELA CONTRA PROVIDENCIAS JUDICIALES-Caso en que la demandante promovi\u00f3 proceso ordinario contra Bancoldex y el Banco de la Rep\u00fablica para el reconocimiento de la pensi\u00f3n de vejez\/PRINCIPIO LEX LOCI SOLUTIONIS \u00a0 En el caso que se revisa, la Sala no encuentra motivo alguno para pensar que la Sala Laboral del Tribunal Superior de Bogot\u00e1 incurri\u00f3 en grave afrenta a los derechos fundamentales de la accionante, al desatar desfavorablemente el recurso de apelaci\u00f3n que interpuso contra el auto dictado ...<br \/><div class=\"pt-cv-rmwrap\"><a href=\"https:\/\/www.dmsjuridica.com\/buscador_20179478954\/corteconstitucionalcronologico202454587\/t-1021-08\/\" class=\"_self pt-cv-readmore btn btn-success\" target=\"_self\">Ver Sentencia Completa...<\/a><\/div><\/div><\/div><\/div>\n<div class=\"col-md-12 col-sm-12 col-xs-12 pt-cv-content-item pt-cv-1-col\" ><div class='pt-cv-ifield'><a href=\"https:\/\/www.dmsjuridica.com\/buscador_20179478954\/corteconstitucionalcronologico202454587\/t-1020-08\/\" class=\"_self pt-cv-href-thumbnail pt-cv-thumb-default\" target=\"_self\" ><\/a>\n<div class=\"pt-cv-taxoterm above_title\"><a href='https:\/\/www.dmsjuridica.com\/buscador_20179478954\/corteconstitucionalcronologico202454587\/category\/buscar-en-toda-la-corte\/2008\/tutelas-2008\/' title='Tutelas 2008' class='pt-cv-tax-tutelas-2008'>Tutelas 2008<\/a><\/div>\n<h4 class=\"pt-cv-title\"><a href=\"https:\/\/www.dmsjuridica.com\/buscador_20179478954\/corteconstitucionalcronologico202454587\/t-1020-08\/\" class=\"_self\" target=\"_self\" >T-1020-08<\/a><\/h4>\n<div class=\"pt-cv-content\">\u00a0 \u00a0 \u00a0 \u00a0 Sentencia T-1020\/08 \u00a0 DERECHO DE LAS VICTIMAS A LA AYUDA HUMANITARIA POR LOS DA\u00d1OS QUE HAYAN SUFRIDO A CONSECUENCIA \u00a0DE LA ACCION DE GRUPOS ARMADOS AL MARGEN DE LA LEY\u00a0 \u00a0 PROGRAMA DE REPARACION INDIVIDUAL POR VIA ADMINISTRATIVA PARA LAS VICTIMAS DE GRUPOS ARMADOS ORGANIZADOS AL MARGEN DE LA LEY-Aplicaci\u00f3n del Decreto 1290\/08 \u00a0 Cuando una persona solicita ayuda humanitaria a Acci\u00f3n Social, como derechohabiente de quien falleci\u00f3 por la violenta acci\u00f3n de grupos organizados armados al margen de la ley, o a ra\u00edz de una masacre selectiva, o por desaparici\u00f3n forzada, est\u00e1 constitucionalmente fuera de ...<br \/><div class=\"pt-cv-rmwrap\"><a href=\"https:\/\/www.dmsjuridica.com\/buscador_20179478954\/corteconstitucionalcronologico202454587\/t-1020-08\/\" class=\"_self pt-cv-readmore btn btn-success\" target=\"_self\">Ver Sentencia Completa...<\/a><\/div><\/div><\/div><\/div>\n<div class=\"col-md-12 col-sm-12 col-xs-12 pt-cv-content-item pt-cv-1-col\" ><div class='pt-cv-ifield'><a href=\"https:\/\/www.dmsjuridica.com\/buscador_20179478954\/corteconstitucionalcronologico202454587\/t-102-08\/\" class=\"_self pt-cv-href-thumbnail pt-cv-thumb-default\" target=\"_self\" ><\/a>\n<div class=\"pt-cv-taxoterm above_title\"><a href='https:\/\/www.dmsjuridica.com\/buscador_20179478954\/corteconstitucionalcronologico202454587\/category\/buscar-en-toda-la-corte\/2008\/tutelas-2008\/' title='Tutelas 2008' class='pt-cv-tax-tutelas-2008'>Tutelas 2008<\/a><\/div>\n<h4 class=\"pt-cv-title\"><a href=\"https:\/\/www.dmsjuridica.com\/buscador_20179478954\/corteconstitucionalcronologico202454587\/t-102-08\/\" class=\"_self\" target=\"_self\" >T-102-08<\/a><\/h4>\n<div class=\"pt-cv-content\">\u00a0 \u00a0 Sentencia T-102\/08 \u00a0 SUSTITUCION PENSIONAL DE PENSION DE INVALIDEZ EN CASO DE HERMANA INCAPAZ\u00a0 \u00a0 OMISIONES E INTERVENCIONES DE CURADORES Y REPRESENTANTES LEGALES Y TUTELA \u00a0 La Corte ha considerado las omisiones e intervenciones de los curadores y representantes legales de las personas que requieren de la intervenci\u00f3n de otro para defender sus intereses y ha concluido que si bien la acci\u00f3n de tutela no ha sido establecida para suplir deficiencias, errores y omisiones, \u201csi se atiende a la equidad, que busca realizar la justicia en el caso concreto, habr\u00e1 de reconocerse que en determinadas situaciones la absoluta ...<br \/><div class=\"pt-cv-rmwrap\"><a href=\"https:\/\/www.dmsjuridica.com\/buscador_20179478954\/corteconstitucionalcronologico202454587\/t-102-08\/\" class=\"_self pt-cv-readmore btn btn-success\" target=\"_self\">Ver Sentencia Completa...<\/a><\/div><\/div><\/div><\/div>\n<div class=\"col-md-12 col-sm-12 col-xs-12 pt-cv-content-item pt-cv-1-col\" ><div class='pt-cv-ifield'><a href=\"https:\/\/www.dmsjuridica.com\/buscador_20179478954\/corteconstitucionalcronologico202454587\/t-1019-08\/\" class=\"_self pt-cv-href-thumbnail pt-cv-thumb-default\" target=\"_self\" ><\/a>\n<div class=\"pt-cv-taxoterm above_title\"><a href='https:\/\/www.dmsjuridica.com\/buscador_20179478954\/corteconstitucionalcronologico202454587\/category\/buscar-en-toda-la-corte\/2008\/tutelas-2008\/' title='Tutelas 2008' class='pt-cv-tax-tutelas-2008'>Tutelas 2008<\/a><\/div>\n<h4 class=\"pt-cv-title\"><a href=\"https:\/\/www.dmsjuridica.com\/buscador_20179478954\/corteconstitucionalcronologico202454587\/t-1019-08\/\" class=\"_self\" target=\"_self\" >T-1019-08<\/a><\/h4>\n<div class=\"pt-cv-content\">\u00a0 \u00a0 Sentencia T-1019\/08 \u00a0 MEDIO DE DEFENSA JUDICIAL-Caso en que la demandante fue retirada del servicio activo de la Polic\u00eda Nacional\/ACCION DE TUTELA CONTRA ACTO ADMINISTRATIVO-Procedencia excepcional\/ACCION DE TUTELA CONTRA ACTO ADMINISTRATIVO-Se requiere que se cause un perjuicio irremediable\/ PRINCIPIO DE INMEDIATEZ EN TUTELA \u00a0 Establecida la existencia de otro mecanismo de defensa judicial, como es la acci\u00f3n de nulidad y restablecimiento del derecho, que convierte en improcedente la tutela, mecanismo que adem\u00e1s, seg\u00fan la propia demandante, se encuentra en curso ante \u00a0Juzgado \u00a0Administrativo. La Sala de Revisi\u00f3n comparte el criterio expuesto por los jueces de instancia en relaci\u00f3n ...<br \/><div class=\"pt-cv-rmwrap\"><a href=\"https:\/\/www.dmsjuridica.com\/buscador_20179478954\/corteconstitucionalcronologico202454587\/t-1019-08\/\" class=\"_self pt-cv-readmore btn btn-success\" target=\"_self\">Ver Sentencia Completa...<\/a><\/div><\/div><\/div><\/div>\n<div class=\"col-md-12 col-sm-12 col-xs-12 pt-cv-content-item pt-cv-1-col\" ><div class='pt-cv-ifield'><a href=\"https:\/\/www.dmsjuridica.com\/buscador_20179478954\/corteconstitucionalcronologico202454587\/t-1018-08\/\" class=\"_self pt-cv-href-thumbnail pt-cv-thumb-default\" target=\"_self\" ><\/a>\n<div class=\"pt-cv-taxoterm above_title\"><a href='https:\/\/www.dmsjuridica.com\/buscador_20179478954\/corteconstitucionalcronologico202454587\/category\/buscar-en-toda-la-corte\/2008\/tutelas-2008\/' title='Tutelas 2008' class='pt-cv-tax-tutelas-2008'>Tutelas 2008<\/a><\/div>\n<h4 class=\"pt-cv-title\"><a href=\"https:\/\/www.dmsjuridica.com\/buscador_20179478954\/corteconstitucionalcronologico202454587\/t-1018-08\/\" class=\"_self\" target=\"_self\" >T-1018-08<\/a><\/h4>\n<div class=\"pt-cv-content\"> ...<br \/><div class=\"pt-cv-rmwrap\"><a href=\"https:\/\/www.dmsjuridica.com\/buscador_20179478954\/corteconstitucionalcronologico202454587\/t-1018-08\/\" class=\"_self pt-cv-readmore btn btn-success\" target=\"_self\">Ver Sentencia Completa...<\/a><\/div><\/div><\/div><\/div>\n<div class=\"col-md-12 col-sm-12 col-xs-12 pt-cv-content-item pt-cv-1-col\" ><div class='pt-cv-ifield'><a href=\"https:\/\/www.dmsjuridica.com\/buscador_20179478954\/corteconstitucionalcronologico202454587\/t-1017-08\/\" class=\"_self pt-cv-href-thumbnail pt-cv-thumb-default\" target=\"_self\" ><\/a>\n<div class=\"pt-cv-taxoterm above_title\"><a href='https:\/\/www.dmsjuridica.com\/buscador_20179478954\/corteconstitucionalcronologico202454587\/category\/buscar-en-toda-la-corte\/2008\/tutelas-2008\/' title='Tutelas 2008' class='pt-cv-tax-tutelas-2008'>Tutelas 2008<\/a><\/div>\n<h4 class=\"pt-cv-title\"><a href=\"https:\/\/www.dmsjuridica.com\/buscador_20179478954\/corteconstitucionalcronologico202454587\/t-1017-08\/\" class=\"_self\" target=\"_self\" >T-1017-08<\/a><\/h4>\n<div class=\"pt-cv-content\">\u00a0 \u00a0 Sentencia T-1017\/08 \u00a0 PRINCIPIO DE CADUCIDAD Y PERMANENCIA DEL DATO FINANCIERO NEGATIVO-Reiteraci\u00f3n de jurisprudencia \u00a0 CONSENTIMIENTO COMO EXPRESION CONCRETA DEL PRINCIPIO DE LIBERTAD EN LA ADMINISTRACION DE DATOS PERSONALES \u00a0 RESPONSABILIDAD DE LOS AGENTES QUE INTERVIENEN EN LA ADMINISTRACION DE DATOS PERSONALES DE CONTENIDO CREDITICIO FRENTE A LA PROTECCION DEL PRINCIPIO DE LIBERTAD \u00a0 Esta obligaci\u00f3n significa que las centrales de informaci\u00f3n deben contar con la prueba de la autorizaci\u00f3n dada por el titular del dato personal, so pena de vulnerar el principio de libertad, predicable de los procesos de administraci\u00f3n de datos personales, en los t\u00e9rminos del ...<br \/><div class=\"pt-cv-rmwrap\"><a href=\"https:\/\/www.dmsjuridica.com\/buscador_20179478954\/corteconstitucionalcronologico202454587\/t-1017-08\/\" class=\"_self pt-cv-readmore btn btn-success\" target=\"_self\">Ver Sentencia Completa...<\/a><\/div><\/div><\/div><\/div>\n<div class=\"col-md-12 col-sm-12 col-xs-12 pt-cv-content-item pt-cv-1-col\" ><div class='pt-cv-ifield'><a href=\"https:\/\/www.dmsjuridica.com\/buscador_20179478954\/corteconstitucionalcronologico202454587\/t-1016-08\/\" class=\"_self pt-cv-href-thumbnail pt-cv-thumb-default\" target=\"_self\" ><\/a>\n<div class=\"pt-cv-taxoterm above_title\"><a href='https:\/\/www.dmsjuridica.com\/buscador_20179478954\/corteconstitucionalcronologico202454587\/category\/buscar-en-toda-la-corte\/2008\/tutelas-2008\/' title='Tutelas 2008' class='pt-cv-tax-tutelas-2008'>Tutelas 2008<\/a><\/div>\n<h4 class=\"pt-cv-title\"><a href=\"https:\/\/www.dmsjuridica.com\/buscador_20179478954\/corteconstitucionalcronologico202454587\/t-1016-08\/\" class=\"_self\" target=\"_self\" >T-1016-08<\/a><\/h4>\n<div class=\"pt-cv-content\">\u00a0 \u00a0 \u00a0\u00a0 Sentencia T-1016\/08 \u00a0 DERECHO A LA SALUD-Vulneraci\u00f3n \u00a0ante la negativa de las EPS de suministrar servicios m\u00e9dicos o medicamentos \u00a0 ATENCION DOMICILIARIA DE PERSONA QUE PERTENECE AL REGIMEN CONTRIBUTIVO Y QUE PADECE VARIAS ENFERMEDADES \u00a0 Para la Corte es claro que la madre del accionante no \u00a0recibi\u00f3 la prescripci\u00f3n m\u00e9dica de atenci\u00f3n permanente domiciliaria de forma particular pues \u00e9sta fue formulada en el marco de los servicios de salud brindados por el Hospital Universitario San Jos\u00e9 de Popay\u00e1n, entidad autorizada por el ISS para la prestaci\u00f3n de los mismos. Bajo estas circunstancias, la Corte considera que la ...<br \/><div class=\"pt-cv-rmwrap\"><a href=\"https:\/\/www.dmsjuridica.com\/buscador_20179478954\/corteconstitucionalcronologico202454587\/t-1016-08\/\" class=\"_self pt-cv-readmore btn btn-success\" target=\"_self\">Ver Sentencia Completa...<\/a><\/div><\/div><\/div><\/div>\n<div class=\"col-md-12 col-sm-12 col-xs-12 pt-cv-content-item pt-cv-1-col\" ><div class='pt-cv-ifield'><a href=\"https:\/\/www.dmsjuridica.com\/buscador_20179478954\/corteconstitucionalcronologico202454587\/t-1015-08\/\" class=\"_self pt-cv-href-thumbnail pt-cv-thumb-default\" target=\"_self\" ><\/a>\n<div class=\"pt-cv-taxoterm above_title\"><a href='https:\/\/www.dmsjuridica.com\/buscador_20179478954\/corteconstitucionalcronologico202454587\/category\/buscar-en-toda-la-corte\/2008\/tutelas-2008\/' title='Tutelas 2008' class='pt-cv-tax-tutelas-2008'>Tutelas 2008<\/a><\/div>\n<h4 class=\"pt-cv-title\"><a href=\"https:\/\/www.dmsjuridica.com\/buscador_20179478954\/corteconstitucionalcronologico202454587\/t-1015-08\/\" class=\"_self\" target=\"_self\" >T-1015-08<\/a><\/h4>\n<div class=\"pt-cv-content\"> ...<br \/><div class=\"pt-cv-rmwrap\"><a href=\"https:\/\/www.dmsjuridica.com\/buscador_20179478954\/corteconstitucionalcronologico202454587\/t-1015-08\/\" class=\"_self pt-cv-readmore btn btn-success\" target=\"_self\">Ver Sentencia Completa...<\/a><\/div><\/div><\/div><\/div>\n<div class=\"col-md-12 col-sm-12 col-xs-12 pt-cv-content-item pt-cv-1-col\" ><div class='pt-cv-ifield'><a href=\"https:\/\/www.dmsjuridica.com\/buscador_20179478954\/corteconstitucionalcronologico202454587\/t-1014-08\/\" class=\"_self pt-cv-href-thumbnail pt-cv-thumb-default\" target=\"_self\" ><\/a>\n<div class=\"pt-cv-taxoterm above_title\"><a href='https:\/\/www.dmsjuridica.com\/buscador_20179478954\/corteconstitucionalcronologico202454587\/category\/buscar-en-toda-la-corte\/2008\/tutelas-2008\/' title='Tutelas 2008' class='pt-cv-tax-tutelas-2008'>Tutelas 2008<\/a><\/div>\n<h4 class=\"pt-cv-title\"><a href=\"https:\/\/www.dmsjuridica.com\/buscador_20179478954\/corteconstitucionalcronologico202454587\/t-1014-08\/\" class=\"_self\" target=\"_self\" >T-1014-08<\/a><\/h4>\n<div class=\"pt-cv-content\">\u00a0 \u00a0 Sentencia T-1014\/08 \u00a0 REGIMEN DE TRANSICION EN PENSION DE VEJEZ-Caso en que el Seguro Social neg\u00f3 el reconocimiento por considerar que la demandante no se encontraba en ese r\u00e9gimen\/REGIMEN DE TRANSICION EN PENSIONES-Caso en que se da orden para que se resuelva el recurso y se reconozca la pensi\u00f3n de vejez, por cuanto no se pueden exigir m\u00e1s requisitos de los previstos legalmente\u00a0 \u00a0 Aquellas mujeres que al 1\u00b0 de abril de 1994 cumpl\u00edan alguna de las dos condiciones -35 a\u00f1os o m\u00e1s, cotizaciones por 15 o m\u00e1s a\u00f1os- \u00a0establecidas en art\u00edculo 36 de la Ley 100 de ...<br \/><div class=\"pt-cv-rmwrap\"><a href=\"https:\/\/www.dmsjuridica.com\/buscador_20179478954\/corteconstitucionalcronologico202454587\/t-1014-08\/\" class=\"_self pt-cv-readmore btn btn-success\" target=\"_self\">Ver Sentencia Completa...<\/a><\/div><\/div><\/div><\/div>\n<div class=\"col-md-12 col-sm-12 col-xs-12 pt-cv-content-item pt-cv-1-col\" ><div class='pt-cv-ifield'><a href=\"https:\/\/www.dmsjuridica.com\/buscador_20179478954\/corteconstitucionalcronologico202454587\/t-1013-08\/\" class=\"_self pt-cv-href-thumbnail pt-cv-thumb-default\" target=\"_self\" ><\/a>\n<div class=\"pt-cv-taxoterm above_title\"><a href='https:\/\/www.dmsjuridica.com\/buscador_20179478954\/corteconstitucionalcronologico202454587\/category\/buscar-en-toda-la-corte\/2008\/tutelas-2008\/' title='Tutelas 2008' class='pt-cv-tax-tutelas-2008'>Tutelas 2008<\/a><\/div>\n<h4 class=\"pt-cv-title\"><a href=\"https:\/\/www.dmsjuridica.com\/buscador_20179478954\/corteconstitucionalcronologico202454587\/t-1013-08\/\" class=\"_self\" target=\"_self\" >T-1013-08<\/a><\/h4>\n<div class=\"pt-cv-content\"> ...<br \/><div class=\"pt-cv-rmwrap\"><a href=\"https:\/\/www.dmsjuridica.com\/buscador_20179478954\/corteconstitucionalcronologico202454587\/t-1013-08\/\" class=\"_self pt-cv-readmore btn btn-success\" target=\"_self\">Ver Sentencia Completa...<\/a><\/div><\/div><\/div><\/div>\n<div class=\"col-md-12 col-sm-12 col-xs-12 pt-cv-content-item pt-cv-1-col\" ><div class='pt-cv-ifield'><a href=\"https:\/\/www.dmsjuridica.com\/buscador_20179478954\/corteconstitucionalcronologico202454587\/t-1012-08\/\" class=\"_self pt-cv-href-thumbnail pt-cv-thumb-default\" target=\"_self\" ><\/a>\n<div class=\"pt-cv-taxoterm above_title\"><a href='https:\/\/www.dmsjuridica.com\/buscador_20179478954\/corteconstitucionalcronologico202454587\/category\/buscar-en-toda-la-corte\/2008\/tutelas-2008\/' title='Tutelas 2008' class='pt-cv-tax-tutelas-2008'>Tutelas 2008<\/a><\/div>\n<h4 class=\"pt-cv-title\"><a href=\"https:\/\/www.dmsjuridica.com\/buscador_20179478954\/corteconstitucionalcronologico202454587\/t-1012-08\/\" class=\"_self\" target=\"_self\" >T-1012-08<\/a><\/h4>\n<div class=\"pt-cv-content\"> ...<br \/><div class=\"pt-cv-rmwrap\"><a href=\"https:\/\/www.dmsjuridica.com\/buscador_20179478954\/corteconstitucionalcronologico202454587\/t-1012-08\/\" class=\"_self pt-cv-readmore btn btn-success\" target=\"_self\">Ver Sentencia Completa...<\/a><\/div><\/div><\/div><\/div>\n<div class=\"col-md-12 col-sm-12 col-xs-12 pt-cv-content-item pt-cv-1-col\" ><div class='pt-cv-ifield'><a href=\"https:\/\/www.dmsjuridica.com\/buscador_20179478954\/corteconstitucionalcronologico202454587\/t-101-08\/\" class=\"_self pt-cv-href-thumbnail pt-cv-thumb-default\" target=\"_self\" ><\/a>\n<div class=\"pt-cv-taxoterm above_title\"><a href='https:\/\/www.dmsjuridica.com\/buscador_20179478954\/corteconstitucionalcronologico202454587\/category\/buscar-en-toda-la-corte\/2008\/tutelas-2008\/' title='Tutelas 2008' class='pt-cv-tax-tutelas-2008'>Tutelas 2008<\/a><\/div>\n<h4 class=\"pt-cv-title\"><a href=\"https:\/\/www.dmsjuridica.com\/buscador_20179478954\/corteconstitucionalcronologico202454587\/t-101-08\/\" class=\"_self\" target=\"_self\" >T-101-08<\/a><\/h4>\n<div class=\"pt-cv-content\">\u00a0 \u00a0 Sentencia T-101\/08 \u00a0 PENSION DE JUBILACION-Reliquidaci\u00f3n\/REGIMEN DE TRANSICION EN PENSIONES DE EMPLEADOS DE LA RAMA JUDICIAL\/REGIMEN ESPECIAL VIGENTE PARA LA RAMA JUDICIAL Y EL MINISTERIO PUBLICO-Decreto 546 de 1971 \u00a0 Cuando se trata de liquidar la pensi\u00f3n de los servidores de la rama jurisdiccional o del Ministerio P\u00fablico, cobijados por el r\u00e9gimen de transici\u00f3n, no puede desconocerse que dichos servidores gozan de un r\u00e9gimen de seguridad y protecci\u00f3n social propio, que les da derecho a una pensi\u00f3n que no puede ser inferior al 75% de la asignaci\u00f3n mensual m\u00e1s elevada que hubieren devengado en el \u00faltimo a\u00f1o de ...<br \/><div class=\"pt-cv-rmwrap\"><a href=\"https:\/\/www.dmsjuridica.com\/buscador_20179478954\/corteconstitucionalcronologico202454587\/t-101-08\/\" class=\"_self pt-cv-readmore btn btn-success\" target=\"_self\">Ver Sentencia Completa...<\/a><\/div><\/div><\/div><\/div>\n<div class=\"col-md-12 col-sm-12 col-xs-12 pt-cv-content-item pt-cv-1-col\" ><div class='pt-cv-ifield'><a href=\"https:\/\/www.dmsjuridica.com\/buscador_20179478954\/corteconstitucionalcronologico202454587\/t-1004-08\/\" class=\"_self pt-cv-href-thumbnail pt-cv-thumb-default\" target=\"_self\" ><\/a>\n<div class=\"pt-cv-taxoterm above_title\"><a href='https:\/\/www.dmsjuridica.com\/buscador_20179478954\/corteconstitucionalcronologico202454587\/category\/buscar-en-toda-la-corte\/2008\/tutelas-2008\/' title='Tutelas 2008' class='pt-cv-tax-tutelas-2008'>Tutelas 2008<\/a><\/div>\n<h4 class=\"pt-cv-title\"><a href=\"https:\/\/www.dmsjuridica.com\/buscador_20179478954\/corteconstitucionalcronologico202454587\/t-1004-08\/\" class=\"_self\" target=\"_self\" >T-1004-08<\/a><\/h4>\n<div class=\"pt-cv-content\">\u00a0 \u00a0 Sentencia T-1004\/08 \u00a0 HECHO SUPERADO EN TUTELA-Carencia actual de objeto \u00a0 Como quiera que el alumno fue reintegrado a la instituci\u00f3n, surge un hecho superado, al cesar la presunta vulneraci\u00f3n del derecho a la educaci\u00f3n, debido a que \u201cse encuentra matriculado en esta instituci\u00f3n en el grado d\u00e9cimo, asistiendo a clase normalmente\u201d \u00a0en el plantel demandado, por lo cual, teniendo en cuenta la reiterada jurisprudencia de esta corporaci\u00f3n frente a situaciones semejantes, se declarar\u00e1 la carencia actual de objeto. \u00a0 Referencia: expediente T-1944532. \u00a0 Acci\u00f3n de tutela instaurada por Mar\u00eda Idali Quintero Hern\u00e1ndez en representaci\u00f3n de su hijo ...<br \/><div class=\"pt-cv-rmwrap\"><a href=\"https:\/\/www.dmsjuridica.com\/buscador_20179478954\/corteconstitucionalcronologico202454587\/t-1004-08\/\" class=\"_self pt-cv-readmore btn btn-success\" target=\"_self\">Ver Sentencia Completa...<\/a><\/div><\/div><\/div><\/div>\n<div class=\"col-md-12 col-sm-12 col-xs-12 pt-cv-content-item pt-cv-1-col\" ><div class='pt-cv-ifield'><a href=\"https:\/\/www.dmsjuridica.com\/buscador_20179478954\/corteconstitucionalcronologico202454587\/t-1003-08\/\" class=\"_self pt-cv-href-thumbnail pt-cv-thumb-default\" target=\"_self\" ><\/a>\n<div class=\"pt-cv-taxoterm above_title\"><a href='https:\/\/www.dmsjuridica.com\/buscador_20179478954\/corteconstitucionalcronologico202454587\/category\/buscar-en-toda-la-corte\/2008\/tutelas-2008\/' title='Tutelas 2008' class='pt-cv-tax-tutelas-2008'>Tutelas 2008<\/a><\/div>\n<h4 class=\"pt-cv-title\"><a href=\"https:\/\/www.dmsjuridica.com\/buscador_20179478954\/corteconstitucionalcronologico202454587\/t-1003-08\/\" class=\"_self\" target=\"_self\" >T-1003-08<\/a><\/h4>\n<div class=\"pt-cv-content\">\u00a0 \u00a0 Sentencia T-1003\/08 \u00a0 PROTECCION CONSTITUCIONAL A LA SEGURIDAD SOCIAL-Reiteraci\u00f3n de jurisprudencia \u00a0 PRINCIPIO DE BUENA FE Y RESPETO DEL ACTO PROPIO-Caso en que se revoc\u00f3 parte de la pensi\u00f3n a persona de la tercera edad \u00a0 PRINCIPIO DE RESPETO AL ACTO PROPIO EN MATERIA DE DERECHOS PENSIONALES-Caso en que la pensi\u00f3n de la demandante fue reducida de manera dr\u00e1stica afectando su m\u00ednimo vital\u00a0 \u00a0 Referencia: expediente T-1.948.187 \u00a0 Acci\u00f3n de tutela instaurada por Julia Santos de Mart\u00ednez contra ACE Seguros S. A., anteriormente Continental de Compa\u00f1\u00eda de Seguros Generales S. A. \u00a0 Magistrado Ponente \u00a0 Dr. HUMBERTO ANTONIO ...<br \/><div class=\"pt-cv-rmwrap\"><a href=\"https:\/\/www.dmsjuridica.com\/buscador_20179478954\/corteconstitucionalcronologico202454587\/t-1003-08\/\" class=\"_self pt-cv-readmore btn btn-success\" target=\"_self\">Ver Sentencia Completa...<\/a><\/div><\/div><\/div><\/div>\n<div class=\"col-md-12 col-sm-12 col-xs-12 pt-cv-content-item pt-cv-1-col\" ><div class='pt-cv-ifield'><a href=\"https:\/\/www.dmsjuridica.com\/buscador_20179478954\/corteconstitucionalcronologico202454587\/t-1002-08\/\" class=\"_self pt-cv-href-thumbnail pt-cv-thumb-default\" target=\"_self\" ><\/a>\n<div class=\"pt-cv-taxoterm above_title\"><a href='https:\/\/www.dmsjuridica.com\/buscador_20179478954\/corteconstitucionalcronologico202454587\/category\/buscar-en-toda-la-corte\/2008\/tutelas-2008\/' title='Tutelas 2008' class='pt-cv-tax-tutelas-2008'>Tutelas 2008<\/a><\/div>\n<h4 class=\"pt-cv-title\"><a href=\"https:\/\/www.dmsjuridica.com\/buscador_20179478954\/corteconstitucionalcronologico202454587\/t-1002-08\/\" class=\"_self\" target=\"_self\" >T-1002-08<\/a><\/h4>\n<div class=\"pt-cv-content\"> ...<br \/><div class=\"pt-cv-rmwrap\"><a href=\"https:\/\/www.dmsjuridica.com\/buscador_20179478954\/corteconstitucionalcronologico202454587\/t-1002-08\/\" class=\"_self pt-cv-readmore btn btn-success\" target=\"_self\">Ver Sentencia Completa...<\/a><\/div><\/div><\/div><\/div>\n<div class=\"col-md-12 col-sm-12 col-xs-12 pt-cv-content-item pt-cv-1-col\" ><div class='pt-cv-ifield'><a href=\"https:\/\/www.dmsjuridica.com\/buscador_20179478954\/corteconstitucionalcronologico202454587\/t-1001-08\/\" class=\"_self pt-cv-href-thumbnail pt-cv-thumb-default\" target=\"_self\" ><\/a>\n<div class=\"pt-cv-taxoterm above_title\"><a href='https:\/\/www.dmsjuridica.com\/buscador_20179478954\/corteconstitucionalcronologico202454587\/category\/buscar-en-toda-la-corte\/2008\/tutelas-2008\/' title='Tutelas 2008' class='pt-cv-tax-tutelas-2008'>Tutelas 2008<\/a><\/div>\n<h4 class=\"pt-cv-title\"><a href=\"https:\/\/www.dmsjuridica.com\/buscador_20179478954\/corteconstitucionalcronologico202454587\/t-1001-08\/\" class=\"_self\" target=\"_self\" >T-1001-08<\/a><\/h4>\n<div class=\"pt-cv-content\"> ...<br \/><div class=\"pt-cv-rmwrap\"><a href=\"https:\/\/www.dmsjuridica.com\/buscador_20179478954\/corteconstitucionalcronologico202454587\/t-1001-08\/\" class=\"_self pt-cv-readmore btn btn-success\" target=\"_self\">Ver Sentencia Completa...<\/a><\/div><\/div><\/div><\/div>\n<div class=\"col-md-12 col-sm-12 col-xs-12 pt-cv-content-item pt-cv-1-col\" ><div class='pt-cv-ifield'><a href=\"https:\/\/www.dmsjuridica.com\/buscador_20179478954\/corteconstitucionalcronologico202454587\/t-1000-08\/\" class=\"_self pt-cv-href-thumbnail pt-cv-thumb-default\" target=\"_self\" ><\/a>\n<div class=\"pt-cv-taxoterm above_title\"><a href='https:\/\/www.dmsjuridica.com\/buscador_20179478954\/corteconstitucionalcronologico202454587\/category\/buscar-en-toda-la-corte\/2008\/tutelas-2008\/' title='Tutelas 2008' class='pt-cv-tax-tutelas-2008'>Tutelas 2008<\/a><\/div>\n<h4 class=\"pt-cv-title\"><a href=\"https:\/\/www.dmsjuridica.com\/buscador_20179478954\/corteconstitucionalcronologico202454587\/t-1000-08\/\" class=\"_self\" target=\"_self\" >T-1000-08<\/a><\/h4>\n<div class=\"pt-cv-content\"> ...<br \/><div class=\"pt-cv-rmwrap\"><a href=\"https:\/\/www.dmsjuridica.com\/buscador_20179478954\/corteconstitucionalcronologico202454587\/t-1000-08\/\" class=\"_self pt-cv-readmore btn btn-success\" target=\"_self\">Ver Sentencia Completa...<\/a><\/div><\/div><\/div><\/div>\n<div class=\"col-md-12 col-sm-12 col-xs-12 pt-cv-content-item pt-cv-1-col\" ><div class='pt-cv-ifield'><a href=\"https:\/\/www.dmsjuridica.com\/buscador_20179478954\/corteconstitucionalcronologico202454587\/t-100-08\/\" class=\"_self pt-cv-href-thumbnail pt-cv-thumb-default\" target=\"_self\" ><\/a>\n<div class=\"pt-cv-taxoterm above_title\"><a href='https:\/\/www.dmsjuridica.com\/buscador_20179478954\/corteconstitucionalcronologico202454587\/category\/buscar-en-toda-la-corte\/2008\/tutelas-2008\/' title='Tutelas 2008' class='pt-cv-tax-tutelas-2008'>Tutelas 2008<\/a><\/div>\n<h4 class=\"pt-cv-title\"><a href=\"https:\/\/www.dmsjuridica.com\/buscador_20179478954\/corteconstitucionalcronologico202454587\/t-100-08\/\" class=\"_self\" target=\"_self\" >T-100-08<\/a><\/h4>\n<div class=\"pt-cv-content\">\u00a0 \u00a0 Sentencia T-100\/08 \u00a0 ACCION DE TUTELA-Trato discriminatorio por parte de la Universidad San Buenaventura en contra de trabajadores sindicalizados \u00a0 DERECHO DE ASOCIACION SINDICAL-Fundamental\/DERECHO DE ASOCIACION SINDICAL-Protecci\u00f3n id\u00f3nea y eficaz por tutela \u00a0 LIBERTAD DE ASOCIACION SINDICAL-Alcance y garant\u00edas \u00a0 TRABAJADOR SINDICALIZADO-Discriminaci\u00f3n\/TRABAJADOR NO SINDICALIZADO-Privilegios \u00a0 DERECHO A LA IGUALDAD DE TRABAJADOR SINDICALIZADO-Vulneraci\u00f3n por creaci\u00f3n de beneficios para trabajadores no sindicalizados\u00a0 \u00a0 DERECHO A LA IGUALDAD DE TRABAJADOR SINDICALIZADO-Beneficios del pacto colectivo de la Universidad San Buenaventura no se extienden a trabajadores sindicalizados \u00a0 DERECHO A LA IGUALDAD Y LIBERTAD DE ASOCIACION SINDICAL-Convocatoria a tribunal de arbitramento no es ...<br \/><div class=\"pt-cv-rmwrap\"><a href=\"https:\/\/www.dmsjuridica.com\/buscador_20179478954\/corteconstitucionalcronologico202454587\/t-100-08\/\" class=\"_self pt-cv-readmore btn btn-success\" target=\"_self\">Ver Sentencia Completa...<\/a><\/div><\/div><\/div><\/div>\n<div class=\"col-md-12 col-sm-12 col-xs-12 pt-cv-content-item pt-cv-1-col\" ><div class='pt-cv-ifield'><a href=\"https:\/\/www.dmsjuridica.com\/buscador_20179478954\/corteconstitucionalcronologico202454587\/t-099-08\/\" class=\"_self pt-cv-href-thumbnail pt-cv-thumb-default\" target=\"_self\" ><\/a>\n<div class=\"pt-cv-taxoterm above_title\"><a href='https:\/\/www.dmsjuridica.com\/buscador_20179478954\/corteconstitucionalcronologico202454587\/category\/buscar-en-toda-la-corte\/2008\/tutelas-2008\/' title='Tutelas 2008' class='pt-cv-tax-tutelas-2008'>Tutelas 2008<\/a><\/div>\n<h4 class=\"pt-cv-title\"><a href=\"https:\/\/www.dmsjuridica.com\/buscador_20179478954\/corteconstitucionalcronologico202454587\/t-099-08\/\" class=\"_self\" target=\"_self\" >T-099-08<\/a><\/h4>\n<div class=\"pt-cv-content\">\u00a0 \u00a0 Sentencia T-099\/08 \u00a0 DERECHO A LA INDEMNIZACION SUSTITUTIVA DE LA PENSION DE VEJEZ-Caso en que se afirma por entidad demandada que no le era aplicable al demandante la Ley 100\/93 por cuanto su \u00faltima cotizaci\u00f3n fue realizada en 1991 \u00a0 DERECHO A LA INDEMNIZACION SUSTITUTIVA DE PENSION DE VEJEZ-Car\u00e1cter imprescriptible\u00a0 \u00a0 DERECHO A LA INDEMNIZACION SUSTITUTIVA-Entidades encargadas de reconocimiento deben tener en cuenta semanas cotizadas con anterioridad a vigencia del sistema de seguridad social en pensiones \u00a0 Referencia: expediente T-1788051 \u00a0 Acci\u00f3n de tutela instaurada por Luis Jaime Robayo Rodr\u00edguez contra el Departamento de Cundinamarca \u00a0 Magistrado Ponente: ...<br \/><div class=\"pt-cv-rmwrap\"><a href=\"https:\/\/www.dmsjuridica.com\/buscador_20179478954\/corteconstitucionalcronologico202454587\/t-099-08\/\" class=\"_self pt-cv-readmore btn btn-success\" target=\"_self\">Ver Sentencia Completa...<\/a><\/div><\/div><\/div><\/div>\n<div class=\"col-md-12 col-sm-12 col-xs-12 pt-cv-content-item pt-cv-1-col\" ><div class='pt-cv-ifield'><a href=\"https:\/\/www.dmsjuridica.com\/buscador_20179478954\/corteconstitucionalcronologico202454587\/t-098-08\/\" class=\"_self pt-cv-href-thumbnail pt-cv-thumb-default\" target=\"_self\" ><\/a>\n<div class=\"pt-cv-taxoterm above_title\"><a href='https:\/\/www.dmsjuridica.com\/buscador_20179478954\/corteconstitucionalcronologico202454587\/category\/buscar-en-toda-la-corte\/2008\/tutelas-2008\/' title='Tutelas 2008' class='pt-cv-tax-tutelas-2008'>Tutelas 2008<\/a><\/div>\n<h4 class=\"pt-cv-title\"><a href=\"https:\/\/www.dmsjuridica.com\/buscador_20179478954\/corteconstitucionalcronologico202454587\/t-098-08\/\" class=\"_self\" target=\"_self\" >T-098-08<\/a><\/h4>\n<div class=\"pt-cv-content\">\u00a0 \u00a0 Sentencia T-098\/08 \u00a0 DERECHO A LA SALUD-Suministro de lente intraocular excluido del POS \u00a0 DERECHO A LA SALUD-Suministro de lente intraocular y obligaci\u00f3n de la EPS de informar a sus usuarios sobre el otorgamiento de esa pr\u00f3tesis con cargo a Unidad de pago por Capitaci\u00f3n \u00a0 Referencia: expediente T-1711642 \u00a0 Acci\u00f3n de tutela instaurada por Hernando Carrejo Ramos contra SALUDCOOP E. P. S. \u00a0 Magistrado Ponente: \u00a0 Dr. HUMBERTO ANTONIO SIERRA PORTO \u00a0 Bogot\u00e1 D.C., siete (7) de febrero de dos mil ocho (2008). \u00a0 La Sala Octava de Revisi\u00f3n de la Corte Constitucional integrada por los Magistrados ...<br \/><div class=\"pt-cv-rmwrap\"><a href=\"https:\/\/www.dmsjuridica.com\/buscador_20179478954\/corteconstitucionalcronologico202454587\/t-098-08\/\" class=\"_self pt-cv-readmore btn btn-success\" target=\"_self\">Ver Sentencia Completa...<\/a><\/div><\/div><\/div><\/div>\n<div class=\"col-md-12 col-sm-12 col-xs-12 pt-cv-content-item pt-cv-1-col\" ><div class='pt-cv-ifield'><a href=\"https:\/\/www.dmsjuridica.com\/buscador_20179478954\/corteconstitucionalcronologico202454587\/t-097-08\/\" class=\"_self pt-cv-href-thumbnail pt-cv-thumb-default\" target=\"_self\" ><\/a>\n<div class=\"pt-cv-taxoterm above_title\"><a href='https:\/\/www.dmsjuridica.com\/buscador_20179478954\/corteconstitucionalcronologico202454587\/category\/buscar-en-toda-la-corte\/2008\/tutelas-2008\/' title='Tutelas 2008' class='pt-cv-tax-tutelas-2008'>Tutelas 2008<\/a><\/div>\n<h4 class=\"pt-cv-title\"><a href=\"https:\/\/www.dmsjuridica.com\/buscador_20179478954\/corteconstitucionalcronologico202454587\/t-097-08\/\" class=\"_self\" target=\"_self\" >T-097-08<\/a><\/h4>\n<div class=\"pt-cv-content\">\u00a0 \u00a0 \u00a0 \u00a0 \u00a0 \u00a0 \u00a0 \u00a0 \u00a0 \u00a0 \u00a0 Sentencia T-097\/08 \u00a0 DERECHO A LA SALUD DEL ADULTO MAYOR-Pr\u00e1ctica de examen excluido del Plan Obligatorio de Salud Subsidiado \u00a0 AGENCIA OFICIOSA-Legitimidad cuando una persona se encuentra en estado de debilidad manifiesta \u00a0 DERECHO A LA SALUD-Relaci\u00f3n con las facultades jurisdiccionales acordadas legalmente a Superintendencia Nacional de Salud \u00a0 DERECHO A LA SALUD-Caso de supuesta afiliaci\u00f3n m\u00faltiple al Sistema de Salud \u00a0 DERECHO A LA CONTINUIDAD EN LA PRESTACION DEL SERVICIO PUBLICO DE SALUD-Pr\u00e1ctica de examen m\u00e9dico \u00a0 DERECHO A LA SALUD DEL ADULTO MAYOR-Caso en que en el ...<br \/><div class=\"pt-cv-rmwrap\"><a href=\"https:\/\/www.dmsjuridica.com\/buscador_20179478954\/corteconstitucionalcronologico202454587\/t-097-08\/\" class=\"_self pt-cv-readmore btn btn-success\" target=\"_self\">Ver Sentencia Completa...<\/a><\/div><\/div><\/div><\/div>\n<div class=\"col-md-12 col-sm-12 col-xs-12 pt-cv-content-item pt-cv-1-col\" ><div class='pt-cv-ifield'><a href=\"https:\/\/www.dmsjuridica.com\/buscador_20179478954\/corteconstitucionalcronologico202454587\/t-096-08\/\" class=\"_self pt-cv-href-thumbnail pt-cv-thumb-default\" target=\"_self\" ><\/a>\n<div class=\"pt-cv-taxoterm above_title\"><a href='https:\/\/www.dmsjuridica.com\/buscador_20179478954\/corteconstitucionalcronologico202454587\/category\/buscar-en-toda-la-corte\/2008\/tutelas-2008\/' title='Tutelas 2008' class='pt-cv-tax-tutelas-2008'>Tutelas 2008<\/a><\/div>\n<h4 class=\"pt-cv-title\"><a href=\"https:\/\/www.dmsjuridica.com\/buscador_20179478954\/corteconstitucionalcronologico202454587\/t-096-08\/\" class=\"_self\" target=\"_self\" >T-096-08<\/a><\/h4>\n<div class=\"pt-cv-content\">\u00a0 \u00a0 Sentencia T-096\/08 \u00a0 DERECHO DE ACCESO A LA ADMINISTRACION DE JUSTICIA Y EFECTIVO CUMPLIMIENTO DE LAS PROVIDENCIAS JUDICIALES \u00a0 CUMPLIMIENTO DE SENTENCIAS JUDICIALES-Es un imperativo del Estado social de Derecho \u00a0 PRINCIPIO DE SUBSIDIARIEDAD DE LA TUTELA FRENTE A PROCESOS EJECUTIVOS\/OBLIGACION DE HACER-Cumplimiento de sentencia \u00a0 En el caso de las solicitudes de amparo por incumplimiento de sentencias judiciales, la jurisprudencia constitucional se ha valido de la divisi\u00f3n propia del derecho de las obligaciones, seg\u00fan la cual es posible establecer distinciones entre \u00e9stas de acuerdo a su contenido, seg\u00fan \u00e9stas consistan en hacer (facere), no hacer (non facere) ...<br \/><div class=\"pt-cv-rmwrap\"><a href=\"https:\/\/www.dmsjuridica.com\/buscador_20179478954\/corteconstitucionalcronologico202454587\/t-096-08\/\" class=\"_self pt-cv-readmore btn btn-success\" target=\"_self\">Ver Sentencia Completa...<\/a><\/div><\/div><\/div><\/div>\n<div class=\"col-md-12 col-sm-12 col-xs-12 pt-cv-content-item pt-cv-1-col\" ><div class='pt-cv-ifield'><a href=\"https:\/\/www.dmsjuridica.com\/buscador_20179478954\/corteconstitucionalcronologico202454587\/t-095-08\/\" class=\"_self pt-cv-href-thumbnail pt-cv-thumb-default\" target=\"_self\" ><\/a>\n<div class=\"pt-cv-taxoterm above_title\"><a href='https:\/\/www.dmsjuridica.com\/buscador_20179478954\/corteconstitucionalcronologico202454587\/category\/buscar-en-toda-la-corte\/2008\/tutelas-2008\/' title='Tutelas 2008' class='pt-cv-tax-tutelas-2008'>Tutelas 2008<\/a><\/div>\n<h4 class=\"pt-cv-title\"><a href=\"https:\/\/www.dmsjuridica.com\/buscador_20179478954\/corteconstitucionalcronologico202454587\/t-095-08\/\" class=\"_self\" target=\"_self\" >T-095-08<\/a><\/h4>\n<div class=\"pt-cv-content\">\u00a0 \u00a0 Sentencia T-095\/08 \u00a0 DERECHO A LA ESTABILIDAD LABORAL REFORZADA DE MUJER EMBARAZADA \u00a0 MUJER EMBARAZADA-Protecci\u00f3n constitucional especial \u00a0 La Constituci\u00f3n Nacional le confiere una especial protecci\u00f3n a la mujer durante el embarazo y luego del parto. Esta protecci\u00f3n se desprende de varios preceptos constitucionales y, en especial, de lo consignado en los art\u00edculos 13, 43 y 53 superiores. Seg\u00fan lo previsto en el art\u00edculo 43 de la Constituci\u00f3n Nacional, la mujer y el hombre tienen iguales derechos y oportunidades. Este mismo art\u00edculo proscribe cualquier suerte de discriminaci\u00f3n en contra de las mujeres as\u00ed como resalta que las mujeres ...<br \/><div class=\"pt-cv-rmwrap\"><a href=\"https:\/\/www.dmsjuridica.com\/buscador_20179478954\/corteconstitucionalcronologico202454587\/t-095-08\/\" class=\"_self pt-cv-readmore btn btn-success\" target=\"_self\">Ver Sentencia Completa...<\/a><\/div><\/div><\/div><\/div>\n<div class=\"col-md-12 col-sm-12 col-xs-12 pt-cv-content-item pt-cv-1-col\" ><div class='pt-cv-ifield'><a href=\"https:\/\/www.dmsjuridica.com\/buscador_20179478954\/corteconstitucionalcronologico202454587\/t-094-08\/\" class=\"_self pt-cv-href-thumbnail pt-cv-thumb-default\" target=\"_self\" ><\/a>\n<div class=\"pt-cv-taxoterm above_title\"><a href='https:\/\/www.dmsjuridica.com\/buscador_20179478954\/corteconstitucionalcronologico202454587\/category\/buscar-en-toda-la-corte\/2008\/tutelas-2008\/' title='Tutelas 2008' class='pt-cv-tax-tutelas-2008'>Tutelas 2008<\/a><\/div>\n<h4 class=\"pt-cv-title\"><a href=\"https:\/\/www.dmsjuridica.com\/buscador_20179478954\/corteconstitucionalcronologico202454587\/t-094-08\/\" class=\"_self\" target=\"_self\" >T-094-08<\/a><\/h4>\n<div class=\"pt-cv-content\">\u00a0 \u00a0 Sentencia T-094\/08 \u00a0 LICENCIA DE MATERNIDAD-Reglas jurisprudenciales para reconocimiento por tutela \u00a0 LICENCIA DE MATERNIDAD-Casos en que se reconoce as\u00ed cotizaciones hayan sido realizadas de manera incompleta \u00a0 LICENCIA DE MATERNIDAD-Caso en que se ha presentado interrupci\u00f3n de semanas de cotizaci\u00f3n\/LICENCIA DE MATERNIDAD-Caso en que se ordena pago proporcional a las semanas cotizadas \u00a0 Debido a la importancia de los principios constitucionales involucrados, es deber del juez de tutela inaplicar la normas en materia de reconocimiento y pago de la licencia de maternidad, cuando de su observancia se derive el desconocimiento de los derechos fundamentales del menor y ...<br \/><div class=\"pt-cv-rmwrap\"><a href=\"https:\/\/www.dmsjuridica.com\/buscador_20179478954\/corteconstitucionalcronologico202454587\/t-094-08\/\" class=\"_self pt-cv-readmore btn btn-success\" target=\"_self\">Ver Sentencia Completa...<\/a><\/div><\/div><\/div><\/div>\n<div class=\"col-md-12 col-sm-12 col-xs-12 pt-cv-content-item pt-cv-1-col\" ><div class='pt-cv-ifield'><a href=\"https:\/\/www.dmsjuridica.com\/buscador_20179478954\/corteconstitucionalcronologico202454587\/t-093-08\/\" class=\"_self pt-cv-href-thumbnail pt-cv-thumb-default\" target=\"_self\" ><\/a>\n<div class=\"pt-cv-taxoterm above_title\"><a href='https:\/\/www.dmsjuridica.com\/buscador_20179478954\/corteconstitucionalcronologico202454587\/category\/buscar-en-toda-la-corte\/2008\/tutelas-2008\/' title='Tutelas 2008' class='pt-cv-tax-tutelas-2008'>Tutelas 2008<\/a><\/div>\n<h4 class=\"pt-cv-title\"><a href=\"https:\/\/www.dmsjuridica.com\/buscador_20179478954\/corteconstitucionalcronologico202454587\/t-093-08\/\" class=\"_self\" target=\"_self\" >T-093-08<\/a><\/h4>\n<div class=\"pt-cv-content\">\u00a0 \u00a0 Sentencia T-093\/08 \u00a0 ACCION DE TUTELA CONTRA FONADE-Exigencia de acreditaci\u00f3n de experiencia espec\u00edfica como requisito habilitante para participar en adjudicaci\u00f3n de contratos de obra y consultor\u00eda \u00a0 ACCION DE TUTELA-Car\u00e1cter subsidiario y residual \u00a0 PERJUICIO IRREMEDIABLE-Presupuestos que permiten establecerlo \u00a0 REGLAS DE PARTICIPACION EXPEDIDAS POR EL FONADE-Existencia de otros mecanismos de defensa judicial para controvertirlas \u00a0 En el asunto bajo examen, este Tribunal observa que existen otros mecanismos de defensa judicial para controvertir las reglas de participaci\u00f3n que se expiden por el FONADE, dirigidas a regular los procesos de selecci\u00f3n que le permiten adjudicar los contratos que debe ...<br \/><div class=\"pt-cv-rmwrap\"><a href=\"https:\/\/www.dmsjuridica.com\/buscador_20179478954\/corteconstitucionalcronologico202454587\/t-093-08\/\" class=\"_self pt-cv-readmore btn btn-success\" target=\"_self\">Ver Sentencia Completa...<\/a><\/div><\/div><\/div><\/div>\n<div class=\"col-md-12 col-sm-12 col-xs-12 pt-cv-content-item pt-cv-1-col\" ><div class='pt-cv-ifield'><a href=\"https:\/\/www.dmsjuridica.com\/buscador_20179478954\/corteconstitucionalcronologico202454587\/t-092-08\/\" class=\"_self pt-cv-href-thumbnail pt-cv-thumb-default\" target=\"_self\" ><\/a>\n<div class=\"pt-cv-taxoterm above_title\"><a href='https:\/\/www.dmsjuridica.com\/buscador_20179478954\/corteconstitucionalcronologico202454587\/category\/buscar-en-toda-la-corte\/2008\/tutelas-2008\/' title='Tutelas 2008' class='pt-cv-tax-tutelas-2008'>Tutelas 2008<\/a><\/div>\n<h4 class=\"pt-cv-title\"><a href=\"https:\/\/www.dmsjuridica.com\/buscador_20179478954\/corteconstitucionalcronologico202454587\/t-092-08\/\" class=\"_self\" target=\"_self\" >T-092-08<\/a><\/h4>\n<div class=\"pt-cv-content\">\u00a0 \u00a0 Sentencia T-092\/08 \u00a0 TRIBUNAL SUPERIOR-Caso en que no tuvo en cuenta decisi\u00f3n proferida en proceso ordinario declarativo en el que se orden\u00f3 el ajuste del saldo de obligaci\u00f3n crediticia adquirida \u00a0 ACCION DE TUTELA CONTRA PROVIDENCIAS JUDICIALES-Procedencia por defecto sustantivo en caso en que se interpret\u00f3 indebidamente ley sustancial\/RELIQUIDACION DE CREDITO DE UPAC\u00a0 \u00a0 Frente al punto del defecto sustantivo por interpretaci\u00f3n, la jurisprudencia ha sido enf\u00e1tica que no cualquier interpretaci\u00f3n tiene la virtualidad de constituir una v\u00eda de hecho, sino que \u00e9sta debe ser abiertamente arbitraria. En efecto, para esta Corporaci\u00f3n, el juez de tutela, en principio, ...<br \/><div class=\"pt-cv-rmwrap\"><a href=\"https:\/\/www.dmsjuridica.com\/buscador_20179478954\/corteconstitucionalcronologico202454587\/t-092-08\/\" class=\"_self pt-cv-readmore btn btn-success\" target=\"_self\">Ver Sentencia Completa...<\/a><\/div><\/div><\/div><\/div>\n<div class=\"col-md-12 col-sm-12 col-xs-12 pt-cv-content-item pt-cv-1-col\" ><div class='pt-cv-ifield'><a href=\"https:\/\/www.dmsjuridica.com\/buscador_20179478954\/corteconstitucionalcronologico202454587\/t-090-08\/\" class=\"_self pt-cv-href-thumbnail pt-cv-thumb-default\" target=\"_self\" ><\/a>\n<div class=\"pt-cv-taxoterm above_title\"><a href='https:\/\/www.dmsjuridica.com\/buscador_20179478954\/corteconstitucionalcronologico202454587\/category\/buscar-en-toda-la-corte\/2008\/tutelas-2008\/' title='Tutelas 2008' class='pt-cv-tax-tutelas-2008'>Tutelas 2008<\/a><\/div>\n<h4 class=\"pt-cv-title\"><a href=\"https:\/\/www.dmsjuridica.com\/buscador_20179478954\/corteconstitucionalcronologico202454587\/t-090-08\/\" class=\"_self\" target=\"_self\" >T-090-08<\/a><\/h4>\n<div class=\"pt-cv-content\">\u00a0 \u00a0 Sentencia T-090\/08 \u00a0 (Febrero 6 de 2008) \u00a0 DERECHO A LA SALUD DE PACIENTE CON CANCER-Suministro de medicamento a participante vinculada y clasificada en el nivel 2 del SISBEN \u00a0 Referencia: expediente T-1.710.423 \u00a0 Accionante: Nubia del Carmen Campuzano G\u00e1mez. \u00a0 Accionado: Alcald\u00eda Municipal y Secretar\u00eda de Salud de Soledad, Atl\u00e1ntico. \u00a0 Fallo de tutela objeto de revisi\u00f3n: sentencia del Juzgado Segundo Civil del Circuito de Soledad, del 15 de junio de 2007 (2\u00aa instancia), revocatoria de sentencia del Juzgado Cuarto Civil Municipal de Soledad, Atl\u00e1ntico, del 3 de mayo de 2007 (1\u00aa instancia). \u00a0 Magistrados de la ...<br \/><div class=\"pt-cv-rmwrap\"><a href=\"https:\/\/www.dmsjuridica.com\/buscador_20179478954\/corteconstitucionalcronologico202454587\/t-090-08\/\" class=\"_self pt-cv-readmore btn btn-success\" target=\"_self\">Ver Sentencia Completa...<\/a><\/div><\/div><\/div><\/div>\n<div class=\"col-md-12 col-sm-12 col-xs-12 pt-cv-content-item pt-cv-1-col\" ><div class='pt-cv-ifield'><a href=\"https:\/\/www.dmsjuridica.com\/buscador_20179478954\/corteconstitucionalcronologico202454587\/t-089-08\/\" class=\"_self pt-cv-href-thumbnail pt-cv-thumb-default\" target=\"_self\" ><\/a>\n<div class=\"pt-cv-taxoterm above_title\"><a href='https:\/\/www.dmsjuridica.com\/buscador_20179478954\/corteconstitucionalcronologico202454587\/category\/buscar-en-toda-la-corte\/2008\/tutelas-2008\/' title='Tutelas 2008' class='pt-cv-tax-tutelas-2008'>Tutelas 2008<\/a><\/div>\n<h4 class=\"pt-cv-title\"><a href=\"https:\/\/www.dmsjuridica.com\/buscador_20179478954\/corteconstitucionalcronologico202454587\/t-089-08\/\" class=\"_self\" target=\"_self\" >T-089-08<\/a><\/h4>\n<div class=\"pt-cv-content\">\u00a0 \u00a0 Sentencia T-089\/08 \u00a0 (Febrero 6 de 2008)\u00a0 \u00a0 ACCION DE TUTELA Y PRINCIPIO DE INMEDIATEZ-Accionante se demor\u00f3 casi tres a\u00f1os para interponer acci\u00f3n contra decisi\u00f3n de Juzgado Laboral \u00a0 Referencia: expediente T-1.704.993 \u00a0 Accionante: Francisco Pineda Pamplona \u00a0 Accionado: Juzgado Primero Laboral del Circuito de Medell\u00edn \u00a0 Fallo de tutela a revisar: sentencia de la Sala de Casaci\u00f3n Laboral de la Corte Suprema de Justicia del 31 de julio de 2007 (2\u00aa instancia), confirmatoria de sentencia de la Sala Tercera de Decisi\u00f3n Laboral del Tribunal Superior de Medell\u00edn del 8 de junio de 2007 (1\u00aa instancia). \u00a0 Magistrados ...<br \/><div class=\"pt-cv-rmwrap\"><a href=\"https:\/\/www.dmsjuridica.com\/buscador_20179478954\/corteconstitucionalcronologico202454587\/t-089-08\/\" class=\"_self pt-cv-readmore btn btn-success\" target=\"_self\">Ver Sentencia Completa...<\/a><\/div><\/div><\/div><\/div>\n<div class=\"col-md-12 col-sm-12 col-xs-12 pt-cv-content-item pt-cv-1-col\" ><div class='pt-cv-ifield'><a href=\"https:\/\/www.dmsjuridica.com\/buscador_20179478954\/corteconstitucionalcronologico202454587\/t-088-08\/\" class=\"_self pt-cv-href-thumbnail pt-cv-thumb-default\" target=\"_self\" ><\/a>\n<div class=\"pt-cv-taxoterm above_title\"><a href='https:\/\/www.dmsjuridica.com\/buscador_20179478954\/corteconstitucionalcronologico202454587\/category\/buscar-en-toda-la-corte\/2008\/tutelas-2008\/' title='Tutelas 2008' class='pt-cv-tax-tutelas-2008'>Tutelas 2008<\/a><\/div>\n<h4 class=\"pt-cv-title\"><a href=\"https:\/\/www.dmsjuridica.com\/buscador_20179478954\/corteconstitucionalcronologico202454587\/t-088-08\/\" class=\"_self\" target=\"_self\" >T-088-08<\/a><\/h4>\n<div class=\"pt-cv-content\">\u00a0 \u00a0 Sentencia T-088\/08 \u00a0 DERECHO A LA SALUD DE MUJER EMBARAZADA-Caso en que era beneficiaria de su padre, pero al cumplir 18 a\u00f1os qued\u00f3 exclu\u00edda de la EPS \u00a0 MUJER EMBARAZADA COMO SUJETO DE ESPECIAL PROTECCION-Reiteraci\u00f3n de jurisprudencia \u00a0 Con fundamento en las normas constitucionales indicadas anteriormente, as\u00ed como en los m\u00faltiples instrumentos internacionales ratificados por el Estado Colombiano al respecto, la jurisprudencia de esta Corporaci\u00f3n ha sostenido que el amparo reforzado de la mujer como integrante de los sujetos de especial protecci\u00f3n constitucional parte del reconocimiento que el Constituyente de 1991 hizo de la desigualdad formal y real ...<br \/><div class=\"pt-cv-rmwrap\"><a href=\"https:\/\/www.dmsjuridica.com\/buscador_20179478954\/corteconstitucionalcronologico202454587\/t-088-08\/\" class=\"_self pt-cv-readmore btn btn-success\" target=\"_self\">Ver Sentencia Completa...<\/a><\/div><\/div><\/div><\/div>\n<div class=\"col-md-12 col-sm-12 col-xs-12 pt-cv-content-item pt-cv-1-col\" ><div class='pt-cv-ifield'><a href=\"https:\/\/www.dmsjuridica.com\/buscador_20179478954\/corteconstitucionalcronologico202454587\/t-087-08\/\" class=\"_self pt-cv-href-thumbnail pt-cv-thumb-default\" target=\"_self\" ><\/a>\n<div class=\"pt-cv-taxoterm above_title\"><a href='https:\/\/www.dmsjuridica.com\/buscador_20179478954\/corteconstitucionalcronologico202454587\/category\/buscar-en-toda-la-corte\/2008\/tutelas-2008\/' title='Tutelas 2008' class='pt-cv-tax-tutelas-2008'>Tutelas 2008<\/a><\/div>\n<h4 class=\"pt-cv-title\"><a href=\"https:\/\/www.dmsjuridica.com\/buscador_20179478954\/corteconstitucionalcronologico202454587\/t-087-08\/\" class=\"_self\" target=\"_self\" >T-087-08<\/a><\/h4>\n<div class=\"pt-cv-content\">\u00a0 \u00a0 Sentencia T-087\/08 \u00a0 DERECHO A LA SALUD Y A LA VIDA-Suministro de medicamento excluido del POS y pr\u00e1ctica de examen \u00a0 DERECHO A LA SALUD Y A LA VIDA-Requisitos para ordenar tratamientos o medicamentos excluidos del POS \u00a0 Sobre el reclamo de los medicamentos y la atenci\u00f3n general en salud pretendidos por la parte actora, resulta condici\u00f3n inexorable para el efecto, la demostraci\u00f3n de que se hallen cumplidas facticamente las condiciones exigidas por la Corte Constitucional y que se refieren, repite la Sala, a: i) la falta del tratamiento vulnera o amenaza los derechos a la vida y ...<br \/><div class=\"pt-cv-rmwrap\"><a href=\"https:\/\/www.dmsjuridica.com\/buscador_20179478954\/corteconstitucionalcronologico202454587\/t-087-08\/\" class=\"_self pt-cv-readmore btn btn-success\" target=\"_self\">Ver Sentencia Completa...<\/a><\/div><\/div><\/div><\/div>\n<div class=\"col-md-12 col-sm-12 col-xs-12 pt-cv-content-item pt-cv-1-col\" ><div class='pt-cv-ifield'><a href=\"https:\/\/www.dmsjuridica.com\/buscador_20179478954\/corteconstitucionalcronologico202454587\/t-086-08\/\" class=\"_self pt-cv-href-thumbnail pt-cv-thumb-default\" target=\"_self\" ><\/a>\n<div class=\"pt-cv-taxoterm above_title\"><a href='https:\/\/www.dmsjuridica.com\/buscador_20179478954\/corteconstitucionalcronologico202454587\/category\/buscar-en-toda-la-corte\/2008\/tutelas-2008\/' title='Tutelas 2008' class='pt-cv-tax-tutelas-2008'>Tutelas 2008<\/a><\/div>\n<h4 class=\"pt-cv-title\"><a href=\"https:\/\/www.dmsjuridica.com\/buscador_20179478954\/corteconstitucionalcronologico202454587\/t-086-08\/\" class=\"_self\" target=\"_self\" >T-086-08<\/a><\/h4>\n<div class=\"pt-cv-content\">\u00a0 \u00a0 Sentencia T-086\/08 \u00a0 DERECHO A LA EDUCACION DE ESTUDIANTE UNIVERSITARIA-Falta de pago de un semestre hace que la demandante no pueda asistir a ceremonia de grado\u00a0 \u00a0 DERECHO A LA EDUCACION EN CASO DE INCUMPLIMENTO EN LOS PAGOS-Par\u00e1metros que deben estudiarse en cada caso y que fueron fijados en SU.624\/99 \u00a0 Los par\u00e1metros que se deben evaluar al analizar la posibilidad de prosperidad de una acci\u00f3n de tutela en la que se solicite la protecci\u00f3n del derecho a la educaci\u00f3n cuando los documentos que acreditan el desempe\u00f1o de funciones acad\u00e9micas han sido retenidos por la instituci\u00f3n educativa debido ...<br \/><div class=\"pt-cv-rmwrap\"><a href=\"https:\/\/www.dmsjuridica.com\/buscador_20179478954\/corteconstitucionalcronologico202454587\/t-086-08\/\" class=\"_self pt-cv-readmore btn btn-success\" target=\"_self\">Ver Sentencia Completa...<\/a><\/div><\/div><\/div><\/div>\n<div class=\"col-md-12 col-sm-12 col-xs-12 pt-cv-content-item pt-cv-1-col\" ><div class='pt-cv-ifield'><a href=\"https:\/\/www.dmsjuridica.com\/buscador_20179478954\/corteconstitucionalcronologico202454587\/t-085-08\/\" class=\"_self pt-cv-href-thumbnail pt-cv-thumb-default\" target=\"_self\" ><\/a>\n<div class=\"pt-cv-taxoterm above_title\"><a href='https:\/\/www.dmsjuridica.com\/buscador_20179478954\/corteconstitucionalcronologico202454587\/category\/buscar-en-toda-la-corte\/2008\/tutelas-2008\/' title='Tutelas 2008' class='pt-cv-tax-tutelas-2008'>Tutelas 2008<\/a><\/div>\n<h4 class=\"pt-cv-title\"><a href=\"https:\/\/www.dmsjuridica.com\/buscador_20179478954\/corteconstitucionalcronologico202454587\/t-085-08\/\" class=\"_self\" target=\"_self\" >T-085-08<\/a><\/h4>\n<div class=\"pt-cv-content\">\u00a0 \u00a0 Sentencia T-085\/08 \u00a0 DERECHO A LA LIBRE ASOCIACION SINDICAL Y FUERO SINDICAL-Caso en que existe otro medio de defensa judicial y no se demostr\u00f3 perjuicio irremediable \u00a0 Referencia: expedientes T- 1733281 y T-1733283, acumulados. \u00a0 Acciones de tutela instauradas por separado por Israel O\u00f1ate Pe\u00f1aloza y Alexander Pardo Mel\u00e9ndez contra la Empresa de Servicios P\u00fablicos de Agust\u00edn Codazzi \u2013Emcodazzi ESP. \u00a0 Magistrado Ponente: \u00a0 Dr. JAIME ARA\u00daJO RENTER\u00cdA \u00a0 Bogot\u00e1, D. C., cinco (5) de febrero de dos mil ocho (2008). \u00a0 La Sala Primera de Revisi\u00f3n de la Corte Constitucional, integrada por los Magistrados MANUEL JOS\u00c9 CEPEDA ...<br \/><div class=\"pt-cv-rmwrap\"><a href=\"https:\/\/www.dmsjuridica.com\/buscador_20179478954\/corteconstitucionalcronologico202454587\/t-085-08\/\" class=\"_self pt-cv-readmore btn btn-success\" target=\"_self\">Ver Sentencia Completa...<\/a><\/div><\/div><\/div><\/div>\n<div class=\"col-md-12 col-sm-12 col-xs-12 pt-cv-content-item pt-cv-1-col\" ><div class='pt-cv-ifield'><a href=\"https:\/\/www.dmsjuridica.com\/buscador_20179478954\/corteconstitucionalcronologico202454587\/t-084-08\/\" class=\"_self pt-cv-href-thumbnail pt-cv-thumb-default\" target=\"_self\" ><\/a>\n<div class=\"pt-cv-taxoterm above_title\"><a href='https:\/\/www.dmsjuridica.com\/buscador_20179478954\/corteconstitucionalcronologico202454587\/category\/buscar-en-toda-la-corte\/2008\/tutelas-2008\/' title='Tutelas 2008' class='pt-cv-tax-tutelas-2008'>Tutelas 2008<\/a><\/div>\n<h4 class=\"pt-cv-title\"><a href=\"https:\/\/www.dmsjuridica.com\/buscador_20179478954\/corteconstitucionalcronologico202454587\/t-084-08\/\" class=\"_self\" target=\"_self\" >T-084-08<\/a><\/h4>\n<div class=\"pt-cv-content\">\u00a0 \u00a0 Sentencia T-084\/08 \u00a0 (Febrero 1 de 2008) \u00a0 ACCION DE TUTELA CONTRA PARTICULARES-Estado de indefensi\u00f3n de mujer embarazada\u00a0 \u00a0 DERECHO A LA ESTABILIDAD LABORAL REFORZADA DE MUJER EMBARAZADA-Casos en que procede protecci\u00f3n \u00a0 MUJER EMBARAZADA EN CONTRATO A TERMINO INDEFINIDO\u00a0 \u00a0 El derecho a la estabilidad laboral reforzada a favor de la mujer trabajadora en estado de embarazo se extiende a quienes laboran en el marco de contratos por t\u00e9rmino indefinido. La terminaci\u00f3n del contrato afect\u00f3 a la demandante en su m\u00ednimo vital, teniendo en cuenta que la actora recib\u00eda $ 600.000 pesos mensuales y la terminaci\u00f3n de ...<br \/><div class=\"pt-cv-rmwrap\"><a href=\"https:\/\/www.dmsjuridica.com\/buscador_20179478954\/corteconstitucionalcronologico202454587\/t-084-08\/\" class=\"_self pt-cv-readmore btn btn-success\" target=\"_self\">Ver Sentencia Completa...<\/a><\/div><\/div><\/div><\/div>\n<div class=\"col-md-12 col-sm-12 col-xs-12 pt-cv-content-item pt-cv-1-col\" ><div class='pt-cv-ifield'><a href=\"https:\/\/www.dmsjuridica.com\/buscador_20179478954\/corteconstitucionalcronologico202454587\/t-083-08\/\" class=\"_self pt-cv-href-thumbnail pt-cv-thumb-default\" target=\"_self\" ><\/a>\n<div class=\"pt-cv-taxoterm above_title\"><a href='https:\/\/www.dmsjuridica.com\/buscador_20179478954\/corteconstitucionalcronologico202454587\/category\/buscar-en-toda-la-corte\/2008\/tutelas-2008\/' title='Tutelas 2008' class='pt-cv-tax-tutelas-2008'>Tutelas 2008<\/a><\/div>\n<h4 class=\"pt-cv-title\"><a href=\"https:\/\/www.dmsjuridica.com\/buscador_20179478954\/corteconstitucionalcronologico202454587\/t-083-08\/\" class=\"_self\" target=\"_self\" >T-083-08<\/a><\/h4>\n<div class=\"pt-cv-content\">(Febrero 1de 2008) \u00a0 ACCION DE TUTELA CONTRA ENTIDAD PROMOTORA DE SALUD-Criterios que se deben tener en cuenta para autorizar medicamentos o prestaci\u00f3n de servicios m\u00e9dicos excluidos del POS \u00a0 DERECHO AL DIAGNOSTICO-Concepto \u00a0 DERECHO AL DIAGNOSTICO-Integra el n\u00facleo esencial del derecho a la salud y garantiza la efectiva prestaci\u00f3n del servicio \u00a0 COMITE DE DERECHOS ECONOMICOS, SOCIALES Y CULTURALES DE LAS NACIONES UNIDAS-Elementos esenciales e interrelacionados del derecho a la salud \u00a0 DERECHO AL DIAGNOSTICO-Car\u00e1cter vinculante del diagn\u00f3stico particular cuando la EPS ha emitido un diagn\u00f3stico equivocado \u00a0 La Sala considera razonable que la se\u00f1ora, luego de la cita ...<br \/><div class=\"pt-cv-rmwrap\"><a href=\"https:\/\/www.dmsjuridica.com\/buscador_20179478954\/corteconstitucionalcronologico202454587\/t-083-08\/\" class=\"_self pt-cv-readmore btn btn-success\" target=\"_self\">Ver Sentencia Completa...<\/a><\/div><\/div><\/div><\/div>\n<div class=\"col-md-12 col-sm-12 col-xs-12 pt-cv-content-item pt-cv-1-col\" ><div class='pt-cv-ifield'><a href=\"https:\/\/www.dmsjuridica.com\/buscador_20179478954\/corteconstitucionalcronologico202454587\/t-082-08\/\" class=\"_self pt-cv-href-thumbnail pt-cv-thumb-default\" target=\"_self\" ><\/a>\n<div class=\"pt-cv-taxoterm above_title\"><a href='https:\/\/www.dmsjuridica.com\/buscador_20179478954\/corteconstitucionalcronologico202454587\/category\/buscar-en-toda-la-corte\/2008\/tutelas-2008\/' title='Tutelas 2008' class='pt-cv-tax-tutelas-2008'>Tutelas 2008<\/a><\/div>\n<h4 class=\"pt-cv-title\"><a href=\"https:\/\/www.dmsjuridica.com\/buscador_20179478954\/corteconstitucionalcronologico202454587\/t-082-08\/\" class=\"_self\" target=\"_self\" >T-082-08<\/a><\/h4>\n<div class=\"pt-cv-content\">\u00a0 \u00a0 Sentencia T-082\/08 \u00a0 ACCION DE TUTELA-Improcedencia por cuanto la pretensi\u00f3n del actor es obtener la cancelaci\u00f3n de un t\u00edtulo valor y no, proteger derecho fundamental alguno \u00a0 Referencia: expediente T- 1.729.920 \u00a0 Acci\u00f3n de tutela instaurada por Mar\u00eda Eugenia Garc\u00eda Garc\u00eda, en representaci\u00f3n de su hijo William Harol de \u00c1vila Garc\u00eda, contra ASMET Salud Total EPS-S y la Secretar\u00eda de Salud Departamental de Santander\u00a0 \u00a0 Magistrado Ponente: \u00a0 Dr. JAIME ARA\u00daJO RENTER\u00cdA \u00a0 Bogot\u00e1, D.C., veintinueve (29) de enero de dos mil ocho (2008) \u00a0 La Sala Primera de Revisi\u00f3n de la Corte Constitucional, integrada por los Magistrados, ...<br \/><div class=\"pt-cv-rmwrap\"><a href=\"https:\/\/www.dmsjuridica.com\/buscador_20179478954\/corteconstitucionalcronologico202454587\/t-082-08\/\" class=\"_self pt-cv-readmore btn btn-success\" target=\"_self\">Ver Sentencia Completa...<\/a><\/div><\/div><\/div><\/div>\n<div class=\"col-md-12 col-sm-12 col-xs-12 pt-cv-content-item pt-cv-1-col\" ><div class='pt-cv-ifield'><a href=\"https:\/\/www.dmsjuridica.com\/buscador_20179478954\/corteconstitucionalcronologico202454587\/t-081-08\/\" class=\"_self pt-cv-href-thumbnail pt-cv-thumb-default\" target=\"_self\" ><\/a>\n<div class=\"pt-cv-taxoterm above_title\"><a href='https:\/\/www.dmsjuridica.com\/buscador_20179478954\/corteconstitucionalcronologico202454587\/category\/buscar-en-toda-la-corte\/2008\/tutelas-2008\/' title='Tutelas 2008' class='pt-cv-tax-tutelas-2008'>Tutelas 2008<\/a><\/div>\n<h4 class=\"pt-cv-title\"><a href=\"https:\/\/www.dmsjuridica.com\/buscador_20179478954\/corteconstitucionalcronologico202454587\/t-081-08\/\" class=\"_self\" target=\"_self\" >T-081-08<\/a><\/h4>\n<div class=\"pt-cv-content\">\u00a0 \u00a0 Sentencia T-081\/08 \u00a0 AGENCIA OFICIOSA EN TUTELA-Requisitos \u00a0 ACCION DE TUTELA PARA CUMPLIMIENTO DE SENTENCIAS-Procedencia excepcional en caso de peticionaria de 94 a\u00f1os \u00a0 ACCION DE TUTELA-La peticionaria de 94 a\u00f1os solicita el cumplimiento de las sentencias del contencioso administrativo que ordenan reliquidar su pensi\u00f3n \u00a0 ACCION DE TUTELA-Improcedencia para el cumplimiento de sentencias por cuanto la accionante puede acudir al proceso ejecutivo y no se evidencia perjuicio irremediable \u00a0 A\u00fan no se puede entender que la entidad accionada se haya rehusado a reliquidar la pensi\u00f3n de la actora conforme a lo ordenado por los jueces Administrativos que ...<br \/><div class=\"pt-cv-rmwrap\"><a href=\"https:\/\/www.dmsjuridica.com\/buscador_20179478954\/corteconstitucionalcronologico202454587\/t-081-08\/\" class=\"_self pt-cv-readmore btn btn-success\" target=\"_self\">Ver Sentencia Completa...<\/a><\/div><\/div><\/div><\/div>\n<div class=\"col-md-12 col-sm-12 col-xs-12 pt-cv-content-item pt-cv-1-col\" ><div class='pt-cv-ifield'><a href=\"https:\/\/www.dmsjuridica.com\/buscador_20179478954\/corteconstitucionalcronologico202454587\/t-080-08\/\" class=\"_self pt-cv-href-thumbnail pt-cv-thumb-default\" target=\"_self\" ><\/a>\n<div class=\"pt-cv-taxoterm above_title\"><a href='https:\/\/www.dmsjuridica.com\/buscador_20179478954\/corteconstitucionalcronologico202454587\/category\/buscar-en-toda-la-corte\/2008\/tutelas-2008\/' title='Tutelas 2008' class='pt-cv-tax-tutelas-2008'>Tutelas 2008<\/a><\/div>\n<h4 class=\"pt-cv-title\"><a href=\"https:\/\/www.dmsjuridica.com\/buscador_20179478954\/corteconstitucionalcronologico202454587\/t-080-08\/\" class=\"_self\" target=\"_self\" >T-080-08<\/a><\/h4>\n<div class=\"pt-cv-content\">\u00a0 \u00a0 Sentencia T-080\/08 \u00a0 ACCION DE TUTELA-Procedencia excepcional para reconocimiento y pago de pensi\u00f3n de invalidez \u00a0 DERECHO A LA SEGURIDAD SOCIAL-Car\u00e1cter progresivo \u00a0 DERECHO A LA PENSION DE INVALIDEZ-Requisitos que se deben acreditar \u00a0 PENSION DE INVALIDEZ DE ORIGEN COMUN-Definici\u00f3n y determinaci\u00f3n \u00a0 PENSION DE INVALIDEZ-Modificaciones introducidas por las leyes 797 y 863 de 2003 \u00a0 LINEA JURISPRUDENCIAL SOBRE TRANSITO NORMATIVO EN MATERIA DE PENSION DE INVALIDEZ \u00a0 DISCAPACITADO-Protecci\u00f3n constitucional especial \u00a0 PENSION DE INVALIDEZ-Fondo de pensiones la neg\u00f3 con el argumento que la demandante no cumpl\u00eda los requisitos establecidos en la ley 860 de 2003 \u00a0 PRINCIPIO ...<br \/><div class=\"pt-cv-rmwrap\"><a href=\"https:\/\/www.dmsjuridica.com\/buscador_20179478954\/corteconstitucionalcronologico202454587\/t-080-08\/\" class=\"_self pt-cv-readmore btn btn-success\" target=\"_self\">Ver Sentencia Completa...<\/a><\/div><\/div><\/div><\/div>\n<div class=\"col-md-12 col-sm-12 col-xs-12 pt-cv-content-item pt-cv-1-col\" ><div class='pt-cv-ifield'><a href=\"https:\/\/www.dmsjuridica.com\/buscador_20179478954\/corteconstitucionalcronologico202454587\/t-079-08\/\" class=\"_self pt-cv-href-thumbnail pt-cv-thumb-default\" target=\"_self\" ><\/a>\n<div class=\"pt-cv-taxoterm above_title\"><a href='https:\/\/www.dmsjuridica.com\/buscador_20179478954\/corteconstitucionalcronologico202454587\/category\/buscar-en-toda-la-corte\/2008\/tutelas-2008\/' title='Tutelas 2008' class='pt-cv-tax-tutelas-2008'>Tutelas 2008<\/a><\/div>\n<h4 class=\"pt-cv-title\"><a href=\"https:\/\/www.dmsjuridica.com\/buscador_20179478954\/corteconstitucionalcronologico202454587\/t-079-08\/\" class=\"_self\" target=\"_self\" >T-079-08<\/a><\/h4>\n<div class=\"pt-cv-content\">\u00a0 \u00a0 Sentencia T-079\/08 \u00a0 DERECHO DE PETICION-Alcance y contenido\/DERECHO DE PETICION-N\u00facleo esencial \u00a0 DERECHO A LA VIVIENDA DIGNA-Fundamental por conexidad o por afectaci\u00f3n del m\u00ednimo vital\u00a0 \u00a0 El derecho a la vivienda digna adquiere rango fundamental, cuando opera el factor de conexidad con otro derecho fundamental, o cuando puede evidenciarse una afectaci\u00f3n del m\u00ednimo vital, especialmente en personas que se encuentran en una situaci\u00f3n de debilidad manifiesta, ya que, como lo ha reiterado esta Corporaci\u00f3n, el derecho a la vivienda adquiere importancia en la realizaci\u00f3n de la dignidad del ser humano. As\u00ed, la prosperidad de una acci\u00f3n constitucional para ...<br \/><div class=\"pt-cv-rmwrap\"><a href=\"https:\/\/www.dmsjuridica.com\/buscador_20179478954\/corteconstitucionalcronologico202454587\/t-079-08\/\" class=\"_self pt-cv-readmore btn btn-success\" target=\"_self\">Ver Sentencia Completa...<\/a><\/div><\/div><\/div><\/div>\n<div class=\"col-md-12 col-sm-12 col-xs-12 pt-cv-content-item pt-cv-1-col\" ><div class='pt-cv-ifield'><a href=\"https:\/\/www.dmsjuridica.com\/buscador_20179478954\/corteconstitucionalcronologico202454587\/t-078-08\/\" class=\"_self pt-cv-href-thumbnail pt-cv-thumb-default\" target=\"_self\" ><\/a>\n<div class=\"pt-cv-taxoterm above_title\"><a href='https:\/\/www.dmsjuridica.com\/buscador_20179478954\/corteconstitucionalcronologico202454587\/category\/buscar-en-toda-la-corte\/2008\/tutelas-2008\/' title='Tutelas 2008' class='pt-cv-tax-tutelas-2008'>Tutelas 2008<\/a><\/div>\n<h4 class=\"pt-cv-title\"><a href=\"https:\/\/www.dmsjuridica.com\/buscador_20179478954\/corteconstitucionalcronologico202454587\/t-078-08\/\" class=\"_self\" target=\"_self\" >T-078-08<\/a><\/h4>\n<div class=\"pt-cv-content\">\u00a0 \u00a0 Sentencia T-078\/08 \u00a0 ACCION DE TUTELA-Procedencia excepcional para reconocimiento y pago de pensi\u00f3n de invalidez \u00a0 DERECHO A LA SEGURIDAD SOCIAL-Car\u00e1cter progresivo \u00a0 DERECHO A LA PENSION DE INVALIDEZ-Requisitos que se deben acreditar \u00a0 PENSION DE INVALIDEZ DE ORIGEN COMUN-Definici\u00f3n y determinaci\u00f3n \u00a0 PENSION DE INVALIDEZ-Modificaciones introducidas por las leyes 797 y 863 de 2003 \u00a0 LINEA JURISPRUDENCIAL SOBRE TRANSITO NORMATIVO EN MATERIA DE PENSION DE INVALIDEZ \u00a0 DISCAPACITADO-Protecci\u00f3n constitucional especial \u00a0 PENSION DE INVALIDEZ-Seguro Social la neg\u00f3 con el argumento que la demandante no cumpl\u00eda los requisitos establecidos en la ley 860 de 2003 \u00a0 PRINCIPIO DE ...<br \/><div class=\"pt-cv-rmwrap\"><a href=\"https:\/\/www.dmsjuridica.com\/buscador_20179478954\/corteconstitucionalcronologico202454587\/t-078-08\/\" class=\"_self pt-cv-readmore btn btn-success\" target=\"_self\">Ver Sentencia Completa...<\/a><\/div><\/div><\/div><\/div>\n<div class=\"col-md-12 col-sm-12 col-xs-12 pt-cv-content-item pt-cv-1-col\" ><div class='pt-cv-ifield'><a href=\"https:\/\/www.dmsjuridica.com\/buscador_20179478954\/corteconstitucionalcronologico202454587\/t-077-08\/\" class=\"_self pt-cv-href-thumbnail pt-cv-thumb-default\" target=\"_self\" ><\/a>\n<div class=\"pt-cv-taxoterm above_title\"><a href='https:\/\/www.dmsjuridica.com\/buscador_20179478954\/corteconstitucionalcronologico202454587\/category\/buscar-en-toda-la-corte\/2008\/tutelas-2008\/' title='Tutelas 2008' class='pt-cv-tax-tutelas-2008'>Tutelas 2008<\/a><\/div>\n<h4 class=\"pt-cv-title\"><a href=\"https:\/\/www.dmsjuridica.com\/buscador_20179478954\/corteconstitucionalcronologico202454587\/t-077-08\/\" class=\"_self\" target=\"_self\" >T-077-08<\/a><\/h4>\n<div class=\"pt-cv-content\">\u00a0 \u00a0 Sentencia T-077\/08 \u00a0 ACCION DE TUTELA-Procedencia excepcional para reconocimiento y pago de pensi\u00f3n de invalidez \u00a0 DERECHO A LA SEGURIDAD SOCIAL-Car\u00e1cter progresivo \u00a0 DERECHO A LA PENSION DE INVALIDEZ-Requisitos que se deben acreditar \u00a0 PENSION DE INVALIDEZ DE ORIGEN COMUN-Definici\u00f3n y determinaci\u00f3n \u00a0 PENSION DE INVALIDEZ-Modificaciones introducidas por las leyes 797 y 863 de 2003 \u00a0 LINEA JURISPRUDENCIAL SOBRE TRANSITO NORMATIVO EN MATERIA DE PENSION DE INVALIDEZ \u00a0 DISCAPACITADO-Protecci\u00f3n constitucional especial \u00a0 PORTADOR DE VIH-Sujeto de especial protecci\u00f3n constitucional\u00a0 \u00a0 Esta Corporaci\u00f3n ha se\u00f1alado que cuando el accionante es una persona que padece del Virus de Inmunodeficiencia Humana ...<br \/><div class=\"pt-cv-rmwrap\"><a href=\"https:\/\/www.dmsjuridica.com\/buscador_20179478954\/corteconstitucionalcronologico202454587\/t-077-08\/\" class=\"_self pt-cv-readmore btn btn-success\" target=\"_self\">Ver Sentencia Completa...<\/a><\/div><\/div><\/div><\/div>\n<div class=\"col-md-12 col-sm-12 col-xs-12 pt-cv-content-item pt-cv-1-col\" ><div class='pt-cv-ifield'><a href=\"https:\/\/www.dmsjuridica.com\/buscador_20179478954\/corteconstitucionalcronologico202454587\/t-076-08\/\" class=\"_self pt-cv-href-thumbnail pt-cv-thumb-default\" target=\"_self\" ><\/a>\n<div class=\"pt-cv-taxoterm above_title\"><a href='https:\/\/www.dmsjuridica.com\/buscador_20179478954\/corteconstitucionalcronologico202454587\/category\/buscar-en-toda-la-corte\/2008\/tutelas-2008\/' title='Tutelas 2008' class='pt-cv-tax-tutelas-2008'>Tutelas 2008<\/a><\/div>\n<h4 class=\"pt-cv-title\"><a href=\"https:\/\/www.dmsjuridica.com\/buscador_20179478954\/corteconstitucionalcronologico202454587\/t-076-08\/\" class=\"_self\" target=\"_self\" >T-076-08<\/a><\/h4>\n<div class=\"pt-cv-content\">\u00a0 \u00a0 Sentencia T-076\/08 \u00a0 DERECHO A LA SEGURIDAD SOCIAL-Alcance y contenido \u00a0 SISTEMA DE SEGURIDAD SOCIAL EN SALUD-Modalidades de acceso \u00a0 DERECHO A LA SALUD-Fundamental por transmutaci\u00f3n en derecho subjetivo \u00a0 DERECHO A LA SALUD-Incorpora el derecho al diagn\u00f3stico \u00a0 DERECHO A LA SALUD Y A LA VIDA-Vulneraci\u00f3n cuando se hace nugatorio el derecho al diagn\u00f3stico \u00a0 SISTEMA DE SEGURIDAD SOCIAL EN SALUD-R\u00e9gimen de exclusiones y limitaciones \u00a0 DERECHO A LA SALUD-EPS niega atender a la paciente alegando que las patolog\u00edas que presenta son consecuencia de una cirug\u00eda est\u00e9tica en los gl\u00fateos y que ello est\u00e1 excluido del POS ...<br \/><div class=\"pt-cv-rmwrap\"><a href=\"https:\/\/www.dmsjuridica.com\/buscador_20179478954\/corteconstitucionalcronologico202454587\/t-076-08\/\" class=\"_self pt-cv-readmore btn btn-success\" target=\"_self\">Ver Sentencia Completa...<\/a><\/div><\/div><\/div><\/div>\n<div class=\"col-md-12 col-sm-12 col-xs-12 pt-cv-content-item pt-cv-1-col\" ><div class='pt-cv-ifield'><a href=\"https:\/\/www.dmsjuridica.com\/buscador_20179478954\/corteconstitucionalcronologico202454587\/t-075-08\/\" class=\"_self pt-cv-href-thumbnail pt-cv-thumb-default\" target=\"_self\" ><\/a>\n<div class=\"pt-cv-taxoterm above_title\"><a href='https:\/\/www.dmsjuridica.com\/buscador_20179478954\/corteconstitucionalcronologico202454587\/category\/buscar-en-toda-la-corte\/2008\/tutelas-2008\/' title='Tutelas 2008' class='pt-cv-tax-tutelas-2008'>Tutelas 2008<\/a><\/div>\n<h4 class=\"pt-cv-title\"><a href=\"https:\/\/www.dmsjuridica.com\/buscador_20179478954\/corteconstitucionalcronologico202454587\/t-075-08\/\" class=\"_self\" target=\"_self\" >T-075-08<\/a><\/h4>\n<div class=\"pt-cv-content\">\u00a0 \u00a0 Sentencia T-075\/08 \u00a0 ACCION DE TUTELA-Procedencia excepcional para reconocimiento y pago de acreencias laborales y pensionales \u00a0 ACCION DE TUTELA-Solicitud reconocimiento pensi\u00f3n de vejez por cumplir la demandante con las semanas de cotizaci\u00f3n \u00a0 LINEA JURISPRUDENCIAL SOBRE BUENA FE, CONFIANZA LEGITIMA Y RESPETO DEL ACTO PROPIO \u00a0 PRINCIPIO DE CONFIANZA LEGITIMA-Es incoherente que se le cambien las condiciones a la peticionaria persona de la tercera edad para el reconocimiento de la pensi\u00f3n\/DEBIDO PROCESO-Vulneraci\u00f3n por exigirle a la peticionaria m\u00e1s semanas de cotizaci\u00f3n de las que ya hab\u00eda acreditado\u00a0 \u00a0 Es preciso se\u00f1alar que la entidad accionada vulner\u00f3 el ...<br \/><div class=\"pt-cv-rmwrap\"><a href=\"https:\/\/www.dmsjuridica.com\/buscador_20179478954\/corteconstitucionalcronologico202454587\/t-075-08\/\" class=\"_self pt-cv-readmore btn btn-success\" target=\"_self\">Ver Sentencia Completa...<\/a><\/div><\/div><\/div><\/div>\n<div class=\"col-md-12 col-sm-12 col-xs-12 pt-cv-content-item pt-cv-1-col\" ><div class='pt-cv-ifield'><a href=\"https:\/\/www.dmsjuridica.com\/buscador_20179478954\/corteconstitucionalcronologico202454587\/t-074-08\/\" class=\"_self pt-cv-href-thumbnail pt-cv-thumb-default\" target=\"_self\" ><\/a>\n<div class=\"pt-cv-taxoterm above_title\"><a href='https:\/\/www.dmsjuridica.com\/buscador_20179478954\/corteconstitucionalcronologico202454587\/category\/buscar-en-toda-la-corte\/2008\/tutelas-2008\/' title='Tutelas 2008' class='pt-cv-tax-tutelas-2008'>Tutelas 2008<\/a><\/div>\n<h4 class=\"pt-cv-title\"><a href=\"https:\/\/www.dmsjuridica.com\/buscador_20179478954\/corteconstitucionalcronologico202454587\/t-074-08\/\" class=\"_self\" target=\"_self\" >T-074-08<\/a><\/h4>\n<div class=\"pt-cv-content\">\u00a0 \u00a0 Sentencia T-074\/08 \u00a0 ACCION DE TUTELA-Cirug\u00eda para cambio de v\u00e1lvula fonatoria Pro Vox por EPS \u00a0 ACCION DE TUTELA-Hecho superado por cuanto la cirug\u00eda para el cambio de v\u00e1lvula fonatoria Pro Vox ya fue realizado al paciente\u00a0 \u00a0 Referencia: expediente T-1771526 \u00a0 Acci\u00f3n de tutela instaurada por Jorge William Mu\u00f1oz Zapata contra Alberto Vel\u00e1zquez Uribe \u00a0 Magistrado Ponente: \u00a0 Dr. MANUEL JOS\u00c9 CEPEDA ESPINOSA \u00a0 Bogot\u00e1, D.C., treinta y uno (31) de enero de dos mil ocho (2008) \u00a0 La Sala Segunda de Revisi\u00f3n de la Corte Constitucional, integrada por los magistrados, Manuel Jos\u00e9 Cepeda Espinosa, Jaime C\u00f3rdoba ...<br \/><div class=\"pt-cv-rmwrap\"><a href=\"https:\/\/www.dmsjuridica.com\/buscador_20179478954\/corteconstitucionalcronologico202454587\/t-074-08\/\" class=\"_self pt-cv-readmore btn btn-success\" target=\"_self\">Ver Sentencia Completa...<\/a><\/div><\/div><\/div><\/div>\n<div class=\"col-md-12 col-sm-12 col-xs-12 pt-cv-content-item pt-cv-1-col\" ><div class='pt-cv-ifield'><a href=\"https:\/\/www.dmsjuridica.com\/buscador_20179478954\/corteconstitucionalcronologico202454587\/t-073-08\/\" class=\"_self pt-cv-href-thumbnail pt-cv-thumb-default\" target=\"_self\" ><\/a>\n<div class=\"pt-cv-taxoterm above_title\"><a href='https:\/\/www.dmsjuridica.com\/buscador_20179478954\/corteconstitucionalcronologico202454587\/category\/buscar-en-toda-la-corte\/2008\/tutelas-2008\/' title='Tutelas 2008' class='pt-cv-tax-tutelas-2008'>Tutelas 2008<\/a><\/div>\n<h4 class=\"pt-cv-title\"><a href=\"https:\/\/www.dmsjuridica.com\/buscador_20179478954\/corteconstitucionalcronologico202454587\/t-073-08\/\" class=\"_self\" target=\"_self\" >T-073-08<\/a><\/h4>\n<div class=\"pt-cv-content\">\u00a0 \u00a0 Sentencia T-073\/08 \u00a0 DERECHO A LA SALUD DE PERSONA DE LA TERCERA EDAD-Fundamental aut\u00f3nomo \u00a0 DERECHO A LA SALUD Y A LA VIDA DE PERSONA DE LA TERCERA EDAD-Enfermedad que le genera una limitaci\u00f3n f\u00edsica considerable y depresi\u00f3n \u00a0 DERECHO A LA SALUD Y A LA VIDA DE PERSONA DE LA TERCERA EDAD-Aunque el procedimiento fue ordenado por un m\u00e9dico particular, se ordenar\u00e1 a la EPS valorar adecuadamente la situaci\u00f3n de la paciente\u00a0 \u00a0 La EPS afirma que (iv) el m\u00e9dico que orden\u00f3 el procedimiento no se encuentra adscrito a la red Humana Vivir EPS sino que fue ...<br \/><div class=\"pt-cv-rmwrap\"><a href=\"https:\/\/www.dmsjuridica.com\/buscador_20179478954\/corteconstitucionalcronologico202454587\/t-073-08\/\" class=\"_self pt-cv-readmore btn btn-success\" target=\"_self\">Ver Sentencia Completa...<\/a><\/div><\/div><\/div><\/div>\n<div class=\"col-md-12 col-sm-12 col-xs-12 pt-cv-content-item pt-cv-1-col\" ><div class='pt-cv-ifield'><a href=\"https:\/\/www.dmsjuridica.com\/buscador_20179478954\/corteconstitucionalcronologico202454587\/t-072-08\/\" class=\"_self pt-cv-href-thumbnail pt-cv-thumb-default\" target=\"_self\" ><\/a>\n<div class=\"pt-cv-taxoterm above_title\"><a href='https:\/\/www.dmsjuridica.com\/buscador_20179478954\/corteconstitucionalcronologico202454587\/category\/buscar-en-toda-la-corte\/2008\/tutelas-2008\/' title='Tutelas 2008' class='pt-cv-tax-tutelas-2008'>Tutelas 2008<\/a><\/div>\n<h4 class=\"pt-cv-title\"><a href=\"https:\/\/www.dmsjuridica.com\/buscador_20179478954\/corteconstitucionalcronologico202454587\/t-072-08\/\" class=\"_self\" target=\"_self\" >T-072-08<\/a><\/h4>\n<div class=\"pt-cv-content\">\u00a0 \u00a0 Sentencia T-072\/08 \u00a0 ACCION DE TUTELA-Procedencia excepcional para reconocimiento y pago de acreencias laborales y pensionales \u00a0 DERECHO DE PETICION-Solicitud reconocimiento pensi\u00f3n de vejez por cumplir la demandante con las mil semanas de cotizaci\u00f3n \u00a0 ACCION DE TUTELA-No se reconoce pensi\u00f3n de vejez por cuanto la peticionaria no cumple con las mil semanas de cotizaci\u00f3n y no realiz\u00f3 simult\u00e1neamente aportes a salud \u00a0 DEBIDO PROCESO-Los aportes efectuados como independiente no requieren simult\u00e1neamente aportes a salud \u00a0 El argumento expuesto por la entidad accionada, seg\u00fan el cual, los aportes efectuados a partir del mes de marzo de 2003 al ...<br \/><div class=\"pt-cv-rmwrap\"><a href=\"https:\/\/www.dmsjuridica.com\/buscador_20179478954\/corteconstitucionalcronologico202454587\/t-072-08\/\" class=\"_self pt-cv-readmore btn btn-success\" target=\"_self\">Ver Sentencia Completa...<\/a><\/div><\/div><\/div><\/div>\n<div class=\"col-md-12 col-sm-12 col-xs-12 pt-cv-content-item pt-cv-1-col\" ><div class='pt-cv-ifield'><a href=\"https:\/\/www.dmsjuridica.com\/buscador_20179478954\/corteconstitucionalcronologico202454587\/t-071-08\/\" class=\"_self pt-cv-href-thumbnail pt-cv-thumb-default\" target=\"_self\" ><\/a>\n<div class=\"pt-cv-taxoterm above_title\"><a href='https:\/\/www.dmsjuridica.com\/buscador_20179478954\/corteconstitucionalcronologico202454587\/category\/buscar-en-toda-la-corte\/2008\/tutelas-2008\/' title='Tutelas 2008' class='pt-cv-tax-tutelas-2008'>Tutelas 2008<\/a><\/div>\n<h4 class=\"pt-cv-title\"><a href=\"https:\/\/www.dmsjuridica.com\/buscador_20179478954\/corteconstitucionalcronologico202454587\/t-071-08\/\" class=\"_self\" target=\"_self\" >T-071-08<\/a><\/h4>\n<div class=\"pt-cv-content\">\u00a0 \u00a0 Sentencia T-071\/08 \u00a0 ACCION DE TUTELA-Procedencia excepcional para el pago de acreencias contractuales dentro de los procesos de reestructuraci\u00f3n econ\u00f3mica \u00a0 LINEA JURISPRUDENCIAL SOBRE EL PAGO DE ACREENCIAS CONTRACTUALES DENTRO DE LOS PROCESOS DE REESTRUCTURACION ECONOMICA \u00a0 LEY 550 DE 1999-Efectos del acuerdo de reestructuraci\u00f3n \u00a0 LEY 550 DE 1999-Competencia para solucionar controversias derivadas de la terminaci\u00f3n de los acuerdos de reestructuraci\u00f3n \u00a0 ACCION DE TUTELA PARA EL PAGO DE ACREENCIAS CONTRACTUALES DENTRO DE UN PROCESO DE REESTRUCTURACION ECONOMICA-Se trata de una persona jur\u00eddica de los cuales no se predica afectaci\u00f3n del m\u00ednimo vital ni la salud \u00a0 ...<br \/><div class=\"pt-cv-rmwrap\"><a href=\"https:\/\/www.dmsjuridica.com\/buscador_20179478954\/corteconstitucionalcronologico202454587\/t-071-08\/\" class=\"_self pt-cv-readmore btn btn-success\" target=\"_self\">Ver Sentencia Completa...<\/a><\/div><\/div><\/div><\/div>\n<div class=\"col-md-12 col-sm-12 col-xs-12 pt-cv-content-item pt-cv-1-col\" ><div class='pt-cv-ifield'><a href=\"https:\/\/www.dmsjuridica.com\/buscador_20179478954\/corteconstitucionalcronologico202454587\/t-070-08\/\" class=\"_self pt-cv-href-thumbnail pt-cv-thumb-default\" target=\"_self\" ><\/a>\n<div class=\"pt-cv-taxoterm above_title\"><a href='https:\/\/www.dmsjuridica.com\/buscador_20179478954\/corteconstitucionalcronologico202454587\/category\/buscar-en-toda-la-corte\/2008\/tutelas-2008\/' title='Tutelas 2008' class='pt-cv-tax-tutelas-2008'>Tutelas 2008<\/a><\/div>\n<h4 class=\"pt-cv-title\"><a href=\"https:\/\/www.dmsjuridica.com\/buscador_20179478954\/corteconstitucionalcronologico202454587\/t-070-08\/\" class=\"_self\" target=\"_self\" >T-070-08<\/a><\/h4>\n<div class=\"pt-cv-content\">\u00a0 \u00a0 Sentencia T-070\/08 \u00a0 ACCION DE TUTELA-Improcedencia general reembolso de dineros por asunci\u00f3n de gastos m\u00e9dicos\/ACCION DE TUTELA-Procedencia excepcional reembolso de dineros por asunci\u00f3n de gastos m\u00e9dicos\u00a0 \u00a0 La Corte Constitucional reiteradamente ha se\u00f1alado en su jurisprudencia, que la acci\u00f3n de tutela no es un mecanismo dise\u00f1ado con el fin de obtener el reembolso de dineros por la asunci\u00f3n de gastos m\u00e9dicos. Con todo, ha considerado que esta regla no es inflexible y excepcionalmente el juez de tutela puede ordenar el reembolso de sumas de dinero gastadas en servicios m\u00e9dicos. En el presente caso se reiterar\u00e1 la jurisprudencia de ...<br \/><div class=\"pt-cv-rmwrap\"><a href=\"https:\/\/www.dmsjuridica.com\/buscador_20179478954\/corteconstitucionalcronologico202454587\/t-070-08\/\" class=\"_self pt-cv-readmore btn btn-success\" target=\"_self\">Ver Sentencia Completa...<\/a><\/div><\/div><\/div><\/div>\n<div class=\"col-md-12 col-sm-12 col-xs-12 pt-cv-content-item pt-cv-1-col\" ><div class='pt-cv-ifield'><a href=\"https:\/\/www.dmsjuridica.com\/buscador_20179478954\/corteconstitucionalcronologico202454587\/t-069-08\/\" class=\"_self pt-cv-href-thumbnail pt-cv-thumb-default\" target=\"_self\" ><\/a>\n<div class=\"pt-cv-taxoterm above_title\"><a href='https:\/\/www.dmsjuridica.com\/buscador_20179478954\/corteconstitucionalcronologico202454587\/category\/buscar-en-toda-la-corte\/2008\/tutelas-2008\/' title='Tutelas 2008' class='pt-cv-tax-tutelas-2008'>Tutelas 2008<\/a><\/div>\n<h4 class=\"pt-cv-title\"><a href=\"https:\/\/www.dmsjuridica.com\/buscador_20179478954\/corteconstitucionalcronologico202454587\/t-069-08\/\" class=\"_self\" target=\"_self\" >T-069-08<\/a><\/h4>\n<div class=\"pt-cv-content\">\u00a0 \u00a0 Sentencia T-069\/08 \u00a0 ACCION DE TUTELA-Procedencia excepcional para reconocimiento y pago de acreencias laborales y pensionales \u00a0 PRINCIPIO DE PROGRESIVIDAD Y PENSION DE INVALIDEZ-Compatibilidad \u00a0 PENSION DE INVALIDEZ-Aumento de los requisitos es una medida regresiva y contraria al principio de progresividad de los derechos sociales\u00a0 \u00a0 LINEA JURISPRUDENCIAL SOBRE EL PRINCIPIO PROGRESIVIDAD PARA EFECTOS DE LA PENSION DE INVALIDEZ\u00a0 \u00a0 PENSION DE INVALIDEZ-El accionante cumpl\u00eda con el n\u00famero de semanas de cotizaci\u00f3n requeridas dentro de los 3 a\u00f1os anteriores a la invalidez \u00a0 Esta Sala de Revisi\u00f3n encuentra probado que la raz\u00f3n por la cual la entidad demandada ...<br \/><div class=\"pt-cv-rmwrap\"><a href=\"https:\/\/www.dmsjuridica.com\/buscador_20179478954\/corteconstitucionalcronologico202454587\/t-069-08\/\" class=\"_self pt-cv-readmore btn btn-success\" target=\"_self\">Ver Sentencia Completa...<\/a><\/div><\/div><\/div><\/div>\n<div class=\"col-md-12 col-sm-12 col-xs-12 pt-cv-content-item pt-cv-1-col\" ><div class='pt-cv-ifield'><a href=\"https:\/\/www.dmsjuridica.com\/buscador_20179478954\/corteconstitucionalcronologico202454587\/t-068-08\/\" class=\"_self pt-cv-href-thumbnail pt-cv-thumb-default\" target=\"_self\" ><\/a>\n<div class=\"pt-cv-taxoterm above_title\"><a href='https:\/\/www.dmsjuridica.com\/buscador_20179478954\/corteconstitucionalcronologico202454587\/category\/buscar-en-toda-la-corte\/2008\/tutelas-2008\/' title='Tutelas 2008' class='pt-cv-tax-tutelas-2008'>Tutelas 2008<\/a><\/div>\n<h4 class=\"pt-cv-title\"><a href=\"https:\/\/www.dmsjuridica.com\/buscador_20179478954\/corteconstitucionalcronologico202454587\/t-068-08\/\" class=\"_self\" target=\"_self\" >T-068-08<\/a><\/h4>\n<div class=\"pt-cv-content\">\u00a0 \u00a0 Sentencia T-068\/08 \u00a0 ACCION DE TUTELA-Procedencia excepcional para reconocimiento y pago de acreencias laborales \u00a0 ACCION DE TUTELA PARA INDEXACION DE LA MESADA PENSIONAL-Requisitos que se deben cumplir \u00a0 ACCION DE TUTELA PARA INDEXACION DE LA MESADA PENSIONAL-Improcedencia en el caso sub judice por no reunirse los requisitos exigidos \u00a0 Referencia: expediente T-1716218 \u00a0 Acci\u00f3n de tutela instaurada por Jorge Enrique Espinosa Baquero contra \u00c1lcalis de Colombia Ltda. En liquidaci\u00f3n \u00a0 Magistrado Ponente: \u00a0 Dr. MANUEL JOSE CEPEDA ESPINOSA \u00a0 Bogot\u00e1, D.C., treinta y uno (31) de enero de dos mil ocho (2008) \u00a0 SENTENCIA \u00a0 En el ...<br \/><div class=\"pt-cv-rmwrap\"><a href=\"https:\/\/www.dmsjuridica.com\/buscador_20179478954\/corteconstitucionalcronologico202454587\/t-068-08\/\" class=\"_self pt-cv-readmore btn btn-success\" target=\"_self\">Ver Sentencia Completa...<\/a><\/div><\/div><\/div><\/div>\n<div class=\"col-md-12 col-sm-12 col-xs-12 pt-cv-content-item pt-cv-1-col\" ><div class='pt-cv-ifield'><a href=\"https:\/\/www.dmsjuridica.com\/buscador_20179478954\/corteconstitucionalcronologico202454587\/t-067-08\/\" class=\"_self pt-cv-href-thumbnail pt-cv-thumb-default\" target=\"_self\" ><\/a>\n<div class=\"pt-cv-taxoterm above_title\"><a href='https:\/\/www.dmsjuridica.com\/buscador_20179478954\/corteconstitucionalcronologico202454587\/category\/buscar-en-toda-la-corte\/2008\/tutelas-2008\/' title='Tutelas 2008' class='pt-cv-tax-tutelas-2008'>Tutelas 2008<\/a><\/div>\n<h4 class=\"pt-cv-title\"><a href=\"https:\/\/www.dmsjuridica.com\/buscador_20179478954\/corteconstitucionalcronologico202454587\/t-067-08\/\" class=\"_self\" target=\"_self\" >T-067-08<\/a><\/h4>\n<div class=\"pt-cv-content\">\u00a0 \u00a0 Sentencia T-067\/08 \u00a0 PRINCIPIO DE SOLIDARIDAD SOCIAL-V\u00edctimas del conflicto armado tienen derecho a recibir asistencia humanitaria por parte de Acci\u00f3n Social \u00a0 DERECHO A LA VIDA DE VICTIMAS DEL CONFLICTO ARMADO-El Estado no pude limitar la ayuda humanitaria sobre el incumplimiento contractual de terceros \u00a0 Limitar el pago de la asistencia humanitaria al cumplimiento de contratos celebrados entre la entidad demandada y terceros no puede ser oponible a las v\u00edctimas, por conllevar una violaci\u00f3n de su derecho fundamental a la vida en condiciones dignas, toda vez que han sufrido perjuicios en su vida, su integridad personal y\/o sus ...<br \/><div class=\"pt-cv-rmwrap\"><a href=\"https:\/\/www.dmsjuridica.com\/buscador_20179478954\/corteconstitucionalcronologico202454587\/t-067-08\/\" class=\"_self pt-cv-readmore btn btn-success\" target=\"_self\">Ver Sentencia Completa...<\/a><\/div><\/div><\/div><\/div>\n<div class=\"col-md-12 col-sm-12 col-xs-12 pt-cv-content-item pt-cv-1-col\" ><div class='pt-cv-ifield'><a href=\"https:\/\/www.dmsjuridica.com\/buscador_20179478954\/corteconstitucionalcronologico202454587\/t-066-08\/\" class=\"_self pt-cv-href-thumbnail pt-cv-thumb-default\" target=\"_self\" ><\/a>\n<div class=\"pt-cv-taxoterm above_title\"><a href='https:\/\/www.dmsjuridica.com\/buscador_20179478954\/corteconstitucionalcronologico202454587\/category\/buscar-en-toda-la-corte\/2008\/tutelas-2008\/' title='Tutelas 2008' class='pt-cv-tax-tutelas-2008'>Tutelas 2008<\/a><\/div>\n<h4 class=\"pt-cv-title\"><a href=\"https:\/\/www.dmsjuridica.com\/buscador_20179478954\/corteconstitucionalcronologico202454587\/t-066-08\/\" class=\"_self\" target=\"_self\" >T-066-08<\/a><\/h4>\n<div class=\"pt-cv-content\">\u00a0 \u00a0 Sentencia T-066\/08 \u00a0 (Enero 31 de 2008) \u00a0 DERECHO DE PETICION EN MATERIA PENSIONAL-Procedencia de tutela \u00a0 DERECHO DE PETICION EN MATERIA PENSIONAL-T\u00e9rminos para resolver \u00a0 ACCION DE TUTELA-Correcci\u00f3n de errores dentro de las providencias \u00a0 DERECHO DE PETICION-Solicitud de reconocimiento y pago de pensi\u00f3n de vejez a Cajanal \u00a0 DERECHO DE PETICION-Cajanal deber\u00e1 pronunciarse de fondo sobre la solicitud del actor \u00a0 Referencia: expediente T-1.700.449 \u00a0 Accionante: Juan Alberto Restrepo Franco. \u00a0 Accionado: Caja Nacional de Previsi\u00f3n CAJANAL E.I.C.E. \u00a0 Fallo de tutela a revisar: sentencia del Juzgado Treinta y Siete Civil del Circuito de Bogot\u00e1 del ...<br \/><div class=\"pt-cv-rmwrap\"><a href=\"https:\/\/www.dmsjuridica.com\/buscador_20179478954\/corteconstitucionalcronologico202454587\/t-066-08\/\" class=\"_self pt-cv-readmore btn btn-success\" target=\"_self\">Ver Sentencia Completa...<\/a><\/div><\/div><\/div><\/div>\n<div class=\"col-md-12 col-sm-12 col-xs-12 pt-cv-content-item pt-cv-1-col\" ><div class='pt-cv-ifield'><a href=\"https:\/\/www.dmsjuridica.com\/buscador_20179478954\/corteconstitucionalcronologico202454587\/t-065-08\/\" class=\"_self pt-cv-href-thumbnail pt-cv-thumb-default\" target=\"_self\" ><\/a>\n<div class=\"pt-cv-taxoterm above_title\"><a href='https:\/\/www.dmsjuridica.com\/buscador_20179478954\/corteconstitucionalcronologico202454587\/category\/buscar-en-toda-la-corte\/2008\/tutelas-2008\/' title='Tutelas 2008' class='pt-cv-tax-tutelas-2008'>Tutelas 2008<\/a><\/div>\n<h4 class=\"pt-cv-title\"><a href=\"https:\/\/www.dmsjuridica.com\/buscador_20179478954\/corteconstitucionalcronologico202454587\/t-065-08\/\" class=\"_self\" target=\"_self\" >T-065-08<\/a><\/h4>\n<div class=\"pt-cv-content\">\u00a0 \u00a0 Sentencia T-065\/08 \u00a0 (Enero 31 de 2008) \u00a0 PROCESO DE EJECUCION DE SENTENCIA-Posibilidad de presentar excepci\u00f3n por indebida notificaci\u00f3n o emplazamiento\/MEDIO DE DEFENSA JUDICIAL-El actor pod\u00eda discutir en el proceso las irregularidades en la notificaci\u00f3n o el emplazamiento\u00a0 \u00a0 De acuerdo con el art\u00edculo 142 del C\u00f3digo de Procedimiento Civil, la nulidad por \u201cfalta de notificaci\u00f3n o de emplazamiento en legal forma\u201d -que es la reclamada por el tutelante- puede alegarse como excepci\u00f3n en el proceso que se adelante para la ejecuci\u00f3n de una sentencia. La ley permite entonces que el demandado pueda discutir en el proceso de ...<br \/><div class=\"pt-cv-rmwrap\"><a href=\"https:\/\/www.dmsjuridica.com\/buscador_20179478954\/corteconstitucionalcronologico202454587\/t-065-08\/\" class=\"_self pt-cv-readmore btn btn-success\" target=\"_self\">Ver Sentencia Completa...<\/a><\/div><\/div><\/div><\/div>\n<div class=\"col-md-12 col-sm-12 col-xs-12 pt-cv-content-item pt-cv-1-col\" ><div class='pt-cv-ifield'><a href=\"https:\/\/www.dmsjuridica.com\/buscador_20179478954\/corteconstitucionalcronologico202454587\/t-059-08\/\" class=\"_self pt-cv-href-thumbnail pt-cv-thumb-default\" target=\"_self\" ><\/a>\n<div class=\"pt-cv-taxoterm above_title\"><a href='https:\/\/www.dmsjuridica.com\/buscador_20179478954\/corteconstitucionalcronologico202454587\/category\/buscar-en-toda-la-corte\/2008\/tutelas-2008\/' title='Tutelas 2008' class='pt-cv-tax-tutelas-2008'>Tutelas 2008<\/a><\/div>\n<h4 class=\"pt-cv-title\"><a href=\"https:\/\/www.dmsjuridica.com\/buscador_20179478954\/corteconstitucionalcronologico202454587\/t-059-08\/\" class=\"_self\" target=\"_self\" >T-059-08<\/a><\/h4>\n<div class=\"pt-cv-content\">\u00a0 \u00a0 Sentencia T-059\/08 \u00a0 TRANSPORTE DE PERSONAS ENFERMAS-Prestaci\u00f3n de servicio de transporte diario al actor parapl\u00e9jico desde su residencia al hospital Militar para su tratamiento de rehabilitaci\u00f3n \u00a0 ACCION DE TUTELA-Hecho superado por cuanto el actor ya no est\u00e1 recibiendo tratamiento de rehabilitaci\u00f3n en el hospital Militar y por ende no requiere el transporte solicitado \u00a0 Accionante:\u00a0 \u00a0 Carlos Andres Wilches Carrillo.\u00a0 \u00a0 Demandados:\u00a0 \u00a0 Ministerio de Defensa Nacional y Hospital Militar Central - Direcci\u00f3n General, Subdirecci\u00f3n Administrativa. \u00a0 Magistrado Ponente:\u00a0 \u00a0 Dr. RODRIGO ESCOBAR GIL \u00a0 Bogot\u00e1, D.C., veintinueve (29) de enero de dos mil ocho (2008). \u00a0 ...<br \/><div class=\"pt-cv-rmwrap\"><a href=\"https:\/\/www.dmsjuridica.com\/buscador_20179478954\/corteconstitucionalcronologico202454587\/t-059-08\/\" class=\"_self pt-cv-readmore btn btn-success\" target=\"_self\">Ver Sentencia Completa...<\/a><\/div><\/div><\/div><\/div>\n<div class=\"col-md-12 col-sm-12 col-xs-12 pt-cv-content-item pt-cv-1-col\" ><div class='pt-cv-ifield'><a href=\"https:\/\/www.dmsjuridica.com\/buscador_20179478954\/corteconstitucionalcronologico202454587\/t-058-08\/\" class=\"_self pt-cv-href-thumbnail pt-cv-thumb-default\" target=\"_self\" ><\/a>\n<div class=\"pt-cv-taxoterm above_title\"><a href='https:\/\/www.dmsjuridica.com\/buscador_20179478954\/corteconstitucionalcronologico202454587\/category\/buscar-en-toda-la-corte\/2008\/tutelas-2008\/' title='Tutelas 2008' class='pt-cv-tax-tutelas-2008'>Tutelas 2008<\/a><\/div>\n<h4 class=\"pt-cv-title\"><a href=\"https:\/\/www.dmsjuridica.com\/buscador_20179478954\/corteconstitucionalcronologico202454587\/t-058-08\/\" class=\"_self\" target=\"_self\" >T-058-08<\/a><\/h4>\n<div class=\"pt-cv-content\">\u00a0 \u00a0 Sentencia T-058\/08 \u00a0 DERECHO A LA ESTABILIDAD LABORAL REFORZADA DE MUJER EMBARAZADA \u00a0 MUJER EMBARAZADA-Protecci\u00f3n constitucional especial \u00a0 MUJER TRABAJADORA EMBARAZADA O EN LACTANCIA-Disposiciones que se desprenden de la prohibici\u00f3n de su despido\u00a0 \u00a0 De la prohibici\u00f3n de despedir a una trabajadora que se encuentre en estado de embarazo o en per\u00edodo de lactancia, se desprenden las siguientes disposiciones: (1) El empleador que pretenda despedir a una mujer en estado de gravidez o durante la etapa de lactancia, \u201c\u2026necesita la autorizaci\u00f3n del inspector de trabajo, o del alcalde municipal en los lugares donde no existiere aquel funcionario.\u201d En ...<br \/><div class=\"pt-cv-rmwrap\"><a href=\"https:\/\/www.dmsjuridica.com\/buscador_20179478954\/corteconstitucionalcronologico202454587\/t-058-08\/\" class=\"_self pt-cv-readmore btn btn-success\" target=\"_self\">Ver Sentencia Completa...<\/a><\/div><\/div><\/div><\/div>\n<div class=\"col-md-12 col-sm-12 col-xs-12 pt-cv-content-item pt-cv-1-col\" ><div class='pt-cv-ifield'><a href=\"https:\/\/www.dmsjuridica.com\/buscador_20179478954\/corteconstitucionalcronologico202454587\/t-057-08\/\" class=\"_self pt-cv-href-thumbnail pt-cv-thumb-default\" target=\"_self\" ><\/a>\n<div class=\"pt-cv-taxoterm above_title\"><a href='https:\/\/www.dmsjuridica.com\/buscador_20179478954\/corteconstitucionalcronologico202454587\/category\/buscar-en-toda-la-corte\/2008\/tutelas-2008\/' title='Tutelas 2008' class='pt-cv-tax-tutelas-2008'>Tutelas 2008<\/a><\/div>\n<h4 class=\"pt-cv-title\"><a href=\"https:\/\/www.dmsjuridica.com\/buscador_20179478954\/corteconstitucionalcronologico202454587\/t-057-08\/\" class=\"_self\" target=\"_self\" >T-057-08<\/a><\/h4>\n<div class=\"pt-cv-content\">\u00a0 \u00a0 Sentencia T-057\/08 \u00a0 ACCION DE TUTELA-Procedencia como mecanismo de protecci\u00f3n de los derechos de los desplazados \u00a0 ATENCION HUMANITARIA DE DESPLAZADOS-Alojamiento transitorio como uno de sus componentes \u00a0 DESPLAZADOS-Reglamentaci\u00f3n de la vivienda se encuentra consignada en el decreto 951 de 2001 \u00a0 ACCION DE TUTELA-El actor quien ya estaba inscrito con sus padres en el RUPD pero que ya no vive con ella, solicit\u00f3 nueva inscripci\u00f3n individual\u00a0 \u00a0 DERECHO A CONFORMAR UNA FAMILIA-Vulneraci\u00f3n por parte de Acci\u00f3n Social al negarse a desvincular al actor del grupo familiar con el que aparece en el RUPD porque su actual compa\u00f1era ...<br \/><div class=\"pt-cv-rmwrap\"><a href=\"https:\/\/www.dmsjuridica.com\/buscador_20179478954\/corteconstitucionalcronologico202454587\/t-057-08\/\" class=\"_self pt-cv-readmore btn btn-success\" target=\"_self\">Ver Sentencia Completa...<\/a><\/div><\/div><\/div><\/div>\n<div class=\"col-md-12 col-sm-12 col-xs-12 pt-cv-content-item pt-cv-1-col\" ><div class='pt-cv-ifield'><a href=\"https:\/\/www.dmsjuridica.com\/buscador_20179478954\/corteconstitucionalcronologico202454587\/t-056-08\/\" class=\"_self pt-cv-href-thumbnail pt-cv-thumb-default\" target=\"_self\" ><\/a>\n<div class=\"pt-cv-taxoterm above_title\"><a href='https:\/\/www.dmsjuridica.com\/buscador_20179478954\/corteconstitucionalcronologico202454587\/category\/buscar-en-toda-la-corte\/2008\/tutelas-2008\/' title='Tutelas 2008' class='pt-cv-tax-tutelas-2008'>Tutelas 2008<\/a><\/div>\n<h4 class=\"pt-cv-title\"><a href=\"https:\/\/www.dmsjuridica.com\/buscador_20179478954\/corteconstitucionalcronologico202454587\/t-056-08\/\" class=\"_self\" target=\"_self\" >T-056-08<\/a><\/h4>\n<div class=\"pt-cv-content\">DESPLAZADOS-Inscripci\u00f3n en el RUPD \u00a0 DESPLAZADOS-Causales de exclusi\u00f3n del RUPD \u00a0 DERECHOS FUNDAMENTALES-Vulneraci\u00f3n por cuanto Acci\u00f3n Social neg\u00f3 la inscripci\u00f3n de los demandantes en el RUPD\u00a0 \u00a0 ACCION DE TUTELA-Inscripci\u00f3n de los accionantes y sus familiares en el RUPD y entrega de la ayuda humanitaria de emergencia \u00a0 Referencia: expedientes T-1.722.341, T-1.731.819 acumulados \u00a0 Acciones de tutela presentadas por Rub\u00e9n Hel\u00ed Angarita y Lelio Enrique Merch\u00e1n Su\u00e1rez contra la Agencia Presidencial para la Acci\u00f3n Social y la Cooperaci\u00f3n Internacional - Acci\u00f3n Social. \u00a0 Magistrado Ponente: Dr. JAIME C\u00d3RDOBA TRIVI\u00d1O \u00a0 Bogot\u00e1, D.C., veinticinco (25) de enero de dos mil ocho ...<br \/><div class=\"pt-cv-rmwrap\"><a href=\"https:\/\/www.dmsjuridica.com\/buscador_20179478954\/corteconstitucionalcronologico202454587\/t-056-08\/\" class=\"_self pt-cv-readmore btn btn-success\" target=\"_self\">Ver Sentencia Completa...<\/a><\/div><\/div><\/div><\/div>\n<div class=\"col-md-12 col-sm-12 col-xs-12 pt-cv-content-item pt-cv-1-col\" ><div class='pt-cv-ifield'><a href=\"https:\/\/www.dmsjuridica.com\/buscador_20179478954\/corteconstitucionalcronologico202454587\/t-055-08\/\" class=\"_self pt-cv-href-thumbnail pt-cv-thumb-default\" target=\"_self\" ><\/a>\n<div class=\"pt-cv-taxoterm above_title\"><a href='https:\/\/www.dmsjuridica.com\/buscador_20179478954\/corteconstitucionalcronologico202454587\/category\/buscar-en-toda-la-corte\/2008\/tutelas-2008\/' title='Tutelas 2008' class='pt-cv-tax-tutelas-2008'>Tutelas 2008<\/a><\/div>\n<h4 class=\"pt-cv-title\"><a href=\"https:\/\/www.dmsjuridica.com\/buscador_20179478954\/corteconstitucionalcronologico202454587\/t-055-08\/\" class=\"_self\" target=\"_self\" >T-055-08<\/a><\/h4>\n<div class=\"pt-cv-content\">\u00a0 \u00a0 Sentencia T-055\/08 \u00a0 ACCION DE TUTELA CONTRA PROVIDENCIAS JUDICIALES-Requisitos generales y especiales de procedibilidad \u00a0 ACCION DE TUTELA-Inmediatez \u00a0 ACCION DE TUTELA CONTRA PROVIDENCIAS JUDICIALES-Inmediatez como requisito de procedibilidad\u00a0 \u00a0 Cuando una persona considere que un fallo judicial es equivocado, y con mayor raz\u00f3n si estima que es contrario a sus derechos fundamentales, debe acudir de manera oportuna a las instancias que el ordenamiento haya previsto para impugnar la decisi\u00f3n, incluida la acci\u00f3n de tutela. Si no lo hace as\u00ed, la eventual afectaci\u00f3n de sus derechos que en el futuro pueda se\u00f1alarse como una consecuencia del fallo, no ...<br \/><div class=\"pt-cv-rmwrap\"><a href=\"https:\/\/www.dmsjuridica.com\/buscador_20179478954\/corteconstitucionalcronologico202454587\/t-055-08\/\" class=\"_self pt-cv-readmore btn btn-success\" target=\"_self\">Ver Sentencia Completa...<\/a><\/div><\/div><\/div><\/div>\n<div class=\"col-md-12 col-sm-12 col-xs-12 pt-cv-content-item pt-cv-1-col\" ><div class='pt-cv-ifield'><a href=\"https:\/\/www.dmsjuridica.com\/buscador_20179478954\/corteconstitucionalcronologico202454587\/t-054-08\/\" class=\"_self pt-cv-href-thumbnail pt-cv-thumb-default\" target=\"_self\" ><\/a>\n<div class=\"pt-cv-taxoterm above_title\"><a href='https:\/\/www.dmsjuridica.com\/buscador_20179478954\/corteconstitucionalcronologico202454587\/category\/buscar-en-toda-la-corte\/2008\/tutelas-2008\/' title='Tutelas 2008' class='pt-cv-tax-tutelas-2008'>Tutelas 2008<\/a><\/div>\n<h4 class=\"pt-cv-title\"><a href=\"https:\/\/www.dmsjuridica.com\/buscador_20179478954\/corteconstitucionalcronologico202454587\/t-054-08\/\" class=\"_self\" target=\"_self\" >T-054-08<\/a><\/h4>\n<div class=\"pt-cv-content\">\u00a0 \u00a0 Sentencia T-054\/08 \u00a0 SISTEMA DE SEGURIDAD SOCIAL EN SALUD-R\u00e9gimen subsidiado \u00a0 REGIMEN SUBSIDIADO DE SEGURIDAD SOCIAL EN SALUD-Naturaleza y caracter\u00edstica esenciales de beneficiarios del SISBEN \u00a0 SISTEMA DE SELECCION DE BENEFICIARIOS DE PROGRAMAS SOCIALES SISBEN-Finalidad \u00a0 DERECHO DE HABEAS DATA EN EL SISBEN-Inclusi\u00f3n y actualizaci\u00f3n de datos \u00a0 ENTIDADES TERRITORIALES-Orientaci\u00f3n y suministro de datos para acceso a los programas sociales y a los subsidios del Estado \u00a0 DERECHO A LA SALUD-Casos en que adquiere car\u00e1cter fundamental \u00a0 DERECHO A LA SALUD Y A LA VIDA-A la accionante no se le han informado los resultados de la encuesta Sisb\u00e9n ...<br \/><div class=\"pt-cv-rmwrap\"><a href=\"https:\/\/www.dmsjuridica.com\/buscador_20179478954\/corteconstitucionalcronologico202454587\/t-054-08\/\" class=\"_self pt-cv-readmore btn btn-success\" target=\"_self\">Ver Sentencia Completa...<\/a><\/div><\/div><\/div><\/div>\n<div class=\"col-md-12 col-sm-12 col-xs-12 pt-cv-content-item pt-cv-1-col\" ><div class='pt-cv-ifield'><a href=\"https:\/\/www.dmsjuridica.com\/buscador_20179478954\/corteconstitucionalcronologico202454587\/t-053-08\/\" class=\"_self pt-cv-href-thumbnail pt-cv-thumb-default\" target=\"_self\" ><\/a>\n<div class=\"pt-cv-taxoterm above_title\"><a href='https:\/\/www.dmsjuridica.com\/buscador_20179478954\/corteconstitucionalcronologico202454587\/category\/buscar-en-toda-la-corte\/2008\/tutelas-2008\/' title='Tutelas 2008' class='pt-cv-tax-tutelas-2008'>Tutelas 2008<\/a><\/div>\n<h4 class=\"pt-cv-title\"><a href=\"https:\/\/www.dmsjuridica.com\/buscador_20179478954\/corteconstitucionalcronologico202454587\/t-053-08\/\" class=\"_self\" target=\"_self\" >T-053-08<\/a><\/h4>\n<div class=\"pt-cv-content\">\u00a0 \u00a0 Sentencia T-053\/08 \u00a0 ESPACIO PUBLICO-Preservaci\u00f3n\/ESPACIO PUBLICO-Recuperaci\u00f3n \u00a0 ESPACIO PUBLICO-Ocupaci\u00f3n por vendedor ambulante \u00a0 PRINCIPIO DE CONFIANZA LEGITIMA EN MATERIA DE ESPACIO PUBLICO-Alcance \u00a0 PRINCIPIO DE CONFIANZA LEGITIMA-Presupuestos que deben acreditarse \u00a0 ACCION DE TUTELA-Desalojo de la demandante que lleva 37 a\u00f1os ocupando un Kiosco en una v\u00eda de Cali, por ocupaci\u00f3n del espacio p\u00fablico \u00a0 VENDEDOR AMBULANTE-Reubicaci\u00f3n de la actora en condiciones id\u00f3neas para que pueda seguir trabajando \u00a0 Referencia: expediente T-1.703.488 \u00a0 Accionante: A\u00edda Pinto \u00a0 Demandado: Subsecretar\u00eda de Convivencia y Seguridad Ciudadana de Cali \u00a0 Magistrado Ponente: Dr. RODRIGO ESCOBAR GIL \u00a0 Bogot\u00e1 D.C., veinticuatro (24) ...<br \/><div class=\"pt-cv-rmwrap\"><a href=\"https:\/\/www.dmsjuridica.com\/buscador_20179478954\/corteconstitucionalcronologico202454587\/t-053-08\/\" class=\"_self pt-cv-readmore btn btn-success\" target=\"_self\">Ver Sentencia Completa...<\/a><\/div><\/div><\/div><\/div>\n<div class=\"col-md-12 col-sm-12 col-xs-12 pt-cv-content-item pt-cv-1-col\" ><div class='pt-cv-ifield'><a href=\"https:\/\/www.dmsjuridica.com\/buscador_20179478954\/corteconstitucionalcronologico202454587\/t-052-08\/\" class=\"_self pt-cv-href-thumbnail pt-cv-thumb-default\" target=\"_self\" ><\/a>\n<div class=\"pt-cv-taxoterm above_title\"><a href='https:\/\/www.dmsjuridica.com\/buscador_20179478954\/corteconstitucionalcronologico202454587\/category\/buscar-en-toda-la-corte\/2008\/tutelas-2008\/' title='Tutelas 2008' class='pt-cv-tax-tutelas-2008'>Tutelas 2008<\/a><\/div>\n<h4 class=\"pt-cv-title\"><a href=\"https:\/\/www.dmsjuridica.com\/buscador_20179478954\/corteconstitucionalcronologico202454587\/t-052-08\/\" class=\"_self\" target=\"_self\" >T-052-08<\/a><\/h4>\n<div class=\"pt-cv-content\">\u00a0 \u00a0 Sentencia T-052\/08 \u00a0 ACCION DE TUTELA-Improcedencia general para reconocimiento de pensiones\/ACCION DE TUTELA-Procedencia excepcional para ordenar reconocimiento de pensiones \u00a0 DERECHO A LA SEGURIDAD SOCIAL-Naturaleza \u00a0 PENSION DE JUBILACION-R\u00e9gimen provisional previsto en la ley 71 de 1988 \u00a0 ACCIONES ORDINARIAS-Definici\u00f3n de que r\u00e9gimen pensional es aplicable al caso sub judice, si la ley 71 de 1988 con 60 a\u00f1os o la ley 33 de 1985 con 55 a\u00f1os \u00a0 MEDIO DE DEFENSA JUDICIAL INEFICAZ-Acciones ordinarias son desproporcionadas por lo prolongado de los procesos ya que el actor cuenta con 56 a\u00f1os de edad y su prioridad es pensionarse ...<br \/><div class=\"pt-cv-rmwrap\"><a href=\"https:\/\/www.dmsjuridica.com\/buscador_20179478954\/corteconstitucionalcronologico202454587\/t-052-08\/\" class=\"_self pt-cv-readmore btn btn-success\" target=\"_self\">Ver Sentencia Completa...<\/a><\/div><\/div><\/div><\/div>\n<div class=\"col-md-12 col-sm-12 col-xs-12 pt-cv-content-item pt-cv-1-col\" ><div class='pt-cv-ifield'><a href=\"https:\/\/www.dmsjuridica.com\/buscador_20179478954\/corteconstitucionalcronologico202454587\/t-050-08\/\" class=\"_self pt-cv-href-thumbnail pt-cv-thumb-default\" target=\"_self\" ><\/a>\n<div class=\"pt-cv-taxoterm above_title\"><a href='https:\/\/www.dmsjuridica.com\/buscador_20179478954\/corteconstitucionalcronologico202454587\/category\/buscar-en-toda-la-corte\/2008\/tutelas-2008\/' title='Tutelas 2008' class='pt-cv-tax-tutelas-2008'>Tutelas 2008<\/a><\/div>\n<h4 class=\"pt-cv-title\"><a href=\"https:\/\/www.dmsjuridica.com\/buscador_20179478954\/corteconstitucionalcronologico202454587\/t-050-08\/\" class=\"_self\" target=\"_self\" >T-050-08<\/a><\/h4>\n<div class=\"pt-cv-content\">\u00a0 \u00a0 Sentencia T-050\/08 \u00a0 ACCION DE TUTELA-Improcedencia para la protecci\u00f3n de derechos patrimoniales \u00a0 SISTEMA DE SEGURIDAD SOCIAL EN SALUD-Participantes vinculados \u00a0 PRINCIPIO DE INTEGRALIDAD DEL SISTEMA DE SEGURIDAD SOCIAL EN SALUD-Contenido \u00a0 DERECHO A LA SALUD Y A LA VIDA-Atenci\u00f3n m\u00e9dica integral \u00a0 SISTEMA DE SEGURIDAD SOCIAL EN SALUD-Cuotas moderadoras o copagos \u00a0 SISTEMA DE SEGURIDAD SOCIAL EN SALUD-Cuotas moderadoras o copagos no pueden convertirse en barreras de acceso al servicio para personas que no tienen recursos econ\u00f3micos \u00a0 ACCION DE TUTELA-Improcedencia por cuanto la cirug\u00eda del actor ya le fue realizada y se le est\u00e1n suministrando los ...<br \/><div class=\"pt-cv-rmwrap\"><a href=\"https:\/\/www.dmsjuridica.com\/buscador_20179478954\/corteconstitucionalcronologico202454587\/t-050-08\/\" class=\"_self pt-cv-readmore btn btn-success\" target=\"_self\">Ver Sentencia Completa...<\/a><\/div><\/div><\/div><\/div>\n<div class=\"col-md-12 col-sm-12 col-xs-12 pt-cv-content-item pt-cv-1-col\" ><div class='pt-cv-ifield'><a href=\"https:\/\/www.dmsjuridica.com\/buscador_20179478954\/corteconstitucionalcronologico202454587\/t-049-08\/\" class=\"_self pt-cv-href-thumbnail pt-cv-thumb-default\" target=\"_self\" ><\/a>\n<div class=\"pt-cv-taxoterm above_title\"><a href='https:\/\/www.dmsjuridica.com\/buscador_20179478954\/corteconstitucionalcronologico202454587\/category\/buscar-en-toda-la-corte\/2008\/tutelas-2008\/' title='Tutelas 2008' class='pt-cv-tax-tutelas-2008'>Tutelas 2008<\/a><\/div>\n<h4 class=\"pt-cv-title\"><a href=\"https:\/\/www.dmsjuridica.com\/buscador_20179478954\/corteconstitucionalcronologico202454587\/t-049-08\/\" class=\"_self\" target=\"_self\" >T-049-08<\/a><\/h4>\n<div class=\"pt-cv-content\">\u00a0 \u00a0 Sentencia T-049\/08 \u00a0 ACTO ADMINISTRATIVO DE CARACTER GENERAL Y CONCRETO-An\u00e1lisis de validez \u00a0 ACCION DE TUTELA-Procedencia excepcional para inaplicar actos administrativos de car\u00e1cter general y abstracto\u00a0 \u00a0 Para que proceda la acci\u00f3n de tutela para inaplicar actos administrativos de contenido general y abstracto, adem\u00e1s de que se demuestre la violaci\u00f3n o amenaza de un derecho fundamental, se requiere probar que el accionante no cuenta con otro medio de defensa judicial para su protecci\u00f3n o que, a pesar de que exista, ese mecanismo procesal no resulta id\u00f3neo para su defensa o resulta inminente la ocurrencia de un perjuicio irremediable ...<br \/><div class=\"pt-cv-rmwrap\"><a href=\"https:\/\/www.dmsjuridica.com\/buscador_20179478954\/corteconstitucionalcronologico202454587\/t-049-08\/\" class=\"_self pt-cv-readmore btn btn-success\" target=\"_self\">Ver Sentencia Completa...<\/a><\/div><\/div><\/div><\/div>\n<div class=\"col-md-12 col-sm-12 col-xs-12 pt-cv-content-item pt-cv-1-col\" ><div class='pt-cv-ifield'><a href=\"https:\/\/www.dmsjuridica.com\/buscador_20179478954\/corteconstitucionalcronologico202454587\/t-048-08\/\" class=\"_self pt-cv-href-thumbnail pt-cv-thumb-default\" target=\"_self\" ><\/a>\n<div class=\"pt-cv-taxoterm above_title\"><a href='https:\/\/www.dmsjuridica.com\/buscador_20179478954\/corteconstitucionalcronologico202454587\/category\/buscar-en-toda-la-corte\/2008\/tutelas-2008\/' title='Tutelas 2008' class='pt-cv-tax-tutelas-2008'>Tutelas 2008<\/a><\/div>\n<h4 class=\"pt-cv-title\"><a href=\"https:\/\/www.dmsjuridica.com\/buscador_20179478954\/corteconstitucionalcronologico202454587\/t-048-08\/\" class=\"_self\" target=\"_self\" >T-048-08<\/a><\/h4>\n<div class=\"pt-cv-content\">\u00a0 \u00a0 Sentencia T-048\/08 \u00a0 ACCION DE TUTELA-Improcedencia general pago de acreencias laborales\/ACCION DE TUTELA-Procedencia excepcional pago de acreencias laborales \u00a0 ACCION DE TUTELA-Improcedencia para reconocimiento de prima t\u00e9cnica\/ACCION DE TUTELA TRANSITORIA-Procedencia excepcional pago de prima t\u00e9cnica cuando se afecta el m\u00ednimo vital\u00a0 \u00a0 Puede concluirse que, conforme a la jurisprudencia de esta Corporaci\u00f3n, la prima t\u00e9cnica constituye una prestaci\u00f3n laboral que conforma la noci\u00f3n de salario en sentido amplio y que el pago de la misma en principio no puede ser reclamado mediante la acci\u00f3n de tutela, pues dada la existencia de otros mecanismos de defensa judicial aptos para ...<br \/><div class=\"pt-cv-rmwrap\"><a href=\"https:\/\/www.dmsjuridica.com\/buscador_20179478954\/corteconstitucionalcronologico202454587\/t-048-08\/\" class=\"_self pt-cv-readmore btn btn-success\" target=\"_self\">Ver Sentencia Completa...<\/a><\/div><\/div><\/div><\/div>\n<div class=\"col-md-12 col-sm-12 col-xs-12 pt-cv-content-item pt-cv-1-col\" ><div class='pt-cv-ifield'><a href=\"https:\/\/www.dmsjuridica.com\/buscador_20179478954\/corteconstitucionalcronologico202454587\/t-047-08\/\" class=\"_self pt-cv-href-thumbnail pt-cv-thumb-default\" target=\"_self\" ><\/a>\n<div class=\"pt-cv-taxoterm above_title\"><a href='https:\/\/www.dmsjuridica.com\/buscador_20179478954\/corteconstitucionalcronologico202454587\/category\/buscar-en-toda-la-corte\/2008\/tutelas-2008\/' title='Tutelas 2008' class='pt-cv-tax-tutelas-2008'>Tutelas 2008<\/a><\/div>\n<h4 class=\"pt-cv-title\"><a href=\"https:\/\/www.dmsjuridica.com\/buscador_20179478954\/corteconstitucionalcronologico202454587\/t-047-08\/\" class=\"_self\" target=\"_self\" >T-047-08<\/a><\/h4>\n<div class=\"pt-cv-content\">\u00a0 \u00a0 Sentencia T-047\/08 \u00a0 DERECHO DE PETICION DE DESMOVILIZADO-Solicit\u00f3 la ayuda humanitaria y no se la dan por inconsistencias con su c\u00e9dula de ciudadan\u00eda \u00a0 DERECHO DE PETICION-Alcance y contenido \u00a0 DERECHO DE PETICION-Resoluci\u00f3n de fondo sobre la doble cedulaci\u00f3n del accionante \u00a0 ACCION DE TUTELA-Hecho superado por cuanto se resolvi\u00f3 la petici\u00f3n solicitada y se le pagaron las cuotas de ayuda humanitaria adeudadas \u00a0 Referencia: expediente T-1.714.176 \u00a0 Peticionario: Fremi Enrique Osorio Lozano \u00a0 Procedencia: Tribunal Superior de Distrito Judicial de Monter\u00eda \u2013Sala Penal- \u00a0 Dr. MARCO GERARDO MONROY CABRA \u00a0 Bogot\u00e1 D.C., veinticuatro (24) de enero de ...<br \/><div class=\"pt-cv-rmwrap\"><a href=\"https:\/\/www.dmsjuridica.com\/buscador_20179478954\/corteconstitucionalcronologico202454587\/t-047-08\/\" class=\"_self pt-cv-readmore btn btn-success\" target=\"_self\">Ver Sentencia Completa...<\/a><\/div><\/div><\/div><\/div>\n<div class=\"col-md-12 col-sm-12 col-xs-12 pt-cv-content-item pt-cv-1-col\" ><div class='pt-cv-ifield'><a href=\"https:\/\/www.dmsjuridica.com\/buscador_20179478954\/corteconstitucionalcronologico202454587\/t-046-08\/\" class=\"_self pt-cv-href-thumbnail pt-cv-thumb-default\" target=\"_self\" ><\/a>\n<div class=\"pt-cv-taxoterm above_title\"><a href='https:\/\/www.dmsjuridica.com\/buscador_20179478954\/corteconstitucionalcronologico202454587\/category\/buscar-en-toda-la-corte\/2008\/tutelas-2008\/' title='Tutelas 2008' class='pt-cv-tax-tutelas-2008'>Tutelas 2008<\/a><\/div>\n<h4 class=\"pt-cv-title\"><a href=\"https:\/\/www.dmsjuridica.com\/buscador_20179478954\/corteconstitucionalcronologico202454587\/t-046-08\/\" class=\"_self\" target=\"_self\" >T-046-08<\/a><\/h4>\n<div class=\"pt-cv-content\">\u00a0 \u00a0 Sentencia T-046\/08 \u00a0 ACCION DE TUTELA-Solicitud de inclusi\u00f3n en n\u00f3mina de pensionados, indexaci\u00f3n de la primera mesada y determinaci\u00f3n de la responsabilidad sobre si el pago de la mesada pensional le corresponde a \u00c1lcalis o al Ministerio de Hacienda\u00a0 \u00a0 MINISTERIO DE HACIENDA-Solicitud de nulidad de la sentencia de primera instancia \u00a0 DERECHO AL MINIMO VITAL DEL PENSIONADO-Inclusi\u00f3n en n\u00f3mina y pago oportuno de mesadas pensionales \u00a0 DERECHO AL MINIMO VITAL DEL PENSIONADO-Presunci\u00f3n de afectaci\u00f3n por ausencia prolongada en pago de mesadas \u00a0 ACCION DE TUTELA-Vinculaci\u00f3n del IFI en liquidaci\u00f3n por ser la entidad responsable de los recursos ...<br \/><div class=\"pt-cv-rmwrap\"><a href=\"https:\/\/www.dmsjuridica.com\/buscador_20179478954\/corteconstitucionalcronologico202454587\/t-046-08\/\" class=\"_self pt-cv-readmore btn btn-success\" target=\"_self\">Ver Sentencia Completa...<\/a><\/div><\/div><\/div><\/div>\n<div class=\"col-md-12 col-sm-12 col-xs-12 pt-cv-content-item pt-cv-1-col\" ><div class='pt-cv-ifield'><a href=\"https:\/\/www.dmsjuridica.com\/buscador_20179478954\/corteconstitucionalcronologico202454587\/t-045-08\/\" class=\"_self pt-cv-href-thumbnail pt-cv-thumb-default\" target=\"_self\" ><\/a>\n<div class=\"pt-cv-taxoterm above_title\"><a href='https:\/\/www.dmsjuridica.com\/buscador_20179478954\/corteconstitucionalcronologico202454587\/category\/buscar-en-toda-la-corte\/2008\/tutelas-2008\/' title='Tutelas 2008' class='pt-cv-tax-tutelas-2008'>Tutelas 2008<\/a><\/div>\n<h4 class=\"pt-cv-title\"><a href=\"https:\/\/www.dmsjuridica.com\/buscador_20179478954\/corteconstitucionalcronologico202454587\/t-045-08\/\" class=\"_self\" target=\"_self\" >T-045-08<\/a><\/h4>\n<div class=\"pt-cv-content\">\u00a0 \u00a0 Sentencia T-045\/08 \u00a0 DERECHO DE PETICION-Solicitud de aclaraci\u00f3n a la Registradur\u00eda sobre duplicidad de c\u00e9dula de ciudadan\u00eda\/CEDULA DE CIUDADANIA-Solicitud de aclaraci\u00f3n sobre duplicidad de c\u00e9dula \u00a0 ACCION DE TUTELA-Hecho superado ya que la Registradur\u00eda realiz\u00f3 toda la investigaci\u00f3n para detectar si existi\u00f3 una doble cedulaci\u00f3n y dio respuesta al actor sobre su petici\u00f3n \u00a0 Referencia: expediente T-1727026\u00a0 \u00a0 Accionante: David Valderrama Mar\u00edn \u00a0 Accionado: Registradur\u00eda Nacional del Estado Civil \u00a0 Procedencia: Juzgado 2\u00ba Civil del Circuito de Honda, Tolima \u00a0 Magistrado Ponente:\u00a0 \u00a0 Dr. MARCO GERARDO MONROY CABRA \u00a0 Bogot\u00e1 D.C., veinticuatro (24) de enero de dos mil ...<br \/><div class=\"pt-cv-rmwrap\"><a href=\"https:\/\/www.dmsjuridica.com\/buscador_20179478954\/corteconstitucionalcronologico202454587\/t-045-08\/\" class=\"_self pt-cv-readmore btn btn-success\" target=\"_self\">Ver Sentencia Completa...<\/a><\/div><\/div><\/div><\/div>\n<div class=\"col-md-12 col-sm-12 col-xs-12 pt-cv-content-item pt-cv-1-col\" ><div class='pt-cv-ifield'><a href=\"https:\/\/www.dmsjuridica.com\/buscador_20179478954\/corteconstitucionalcronologico202454587\/t-044-08\/\" class=\"_self pt-cv-href-thumbnail pt-cv-thumb-default\" target=\"_self\" ><\/a>\n<div class=\"pt-cv-taxoterm above_title\"><a href='https:\/\/www.dmsjuridica.com\/buscador_20179478954\/corteconstitucionalcronologico202454587\/category\/buscar-en-toda-la-corte\/2008\/tutelas-2008\/' title='Tutelas 2008' class='pt-cv-tax-tutelas-2008'>Tutelas 2008<\/a><\/div>\n<h4 class=\"pt-cv-title\"><a href=\"https:\/\/www.dmsjuridica.com\/buscador_20179478954\/corteconstitucionalcronologico202454587\/t-044-08\/\" class=\"_self\" target=\"_self\" >T-044-08<\/a><\/h4>\n<div class=\"pt-cv-content\">\u00a0 \u00a0 Sentencia T-044\/08\u00a0 \u00a0 LINEA JURISPRUDENCIAL EN MATERIA DE LIBERTAD RELIGIOSA SOBRE EL SABATH \u00a0 LIBERTAD RELIGIOSA Y DE CULTOS-Universidad Nacional no autoriz\u00f3 la presentaci\u00f3n de examen de admisi\u00f3n en un d\u00eda diferente al s\u00e1bado a las actoras miembros de la Iglesia Adventista\u00a0 \u00a0 ACCION DE TUTELA-Como el examen ya se venci\u00f3, las actoras si lo desean pueden presentarse al pr\u00f3ximo examen de admisi\u00f3n en un d\u00eda diferente al s\u00e1bado, solicit\u00e1ndolo con la debida antelaci\u00f3n a la Universidad\u00a0 \u00a0 En los casos que se analizan en el presente proceso se puede observar que las actoras demostraron que forman parte ...<br \/><div class=\"pt-cv-rmwrap\"><a href=\"https:\/\/www.dmsjuridica.com\/buscador_20179478954\/corteconstitucionalcronologico202454587\/t-044-08\/\" class=\"_self pt-cv-readmore btn btn-success\" target=\"_self\">Ver Sentencia Completa...<\/a><\/div><\/div><\/div><\/div>\n<div class=\"col-md-12 col-sm-12 col-xs-12 pt-cv-content-item pt-cv-1-col\" ><div class='pt-cv-ifield'><a href=\"https:\/\/www.dmsjuridica.com\/buscador_20179478954\/corteconstitucionalcronologico202454587\/t-043-08\/\" class=\"_self pt-cv-href-thumbnail pt-cv-thumb-default\" target=\"_self\" ><\/a>\n<div class=\"pt-cv-taxoterm above_title\"><a href='https:\/\/www.dmsjuridica.com\/buscador_20179478954\/corteconstitucionalcronologico202454587\/category\/buscar-en-toda-la-corte\/2008\/tutelas-2008\/' title='Tutelas 2008' class='pt-cv-tax-tutelas-2008'>Tutelas 2008<\/a><\/div>\n<h4 class=\"pt-cv-title\"><a href=\"https:\/\/www.dmsjuridica.com\/buscador_20179478954\/corteconstitucionalcronologico202454587\/t-043-08\/\" class=\"_self\" target=\"_self\" >T-043-08<\/a><\/h4>\n<div class=\"pt-cv-content\">\u00a0 \u00a0 Sentencia T-043\/08 \u00a0 ACCION DE TUTELA-Procedencia excepcional pago de acreencias laborales \u00a0 PERJUICIO IRREMEDIABLE-Elementos \u00a0 PERSONA EN CIRCUNSTANCIAS DE DEBILIDAD MANIFIESTA-Protecci\u00f3n especial\/PERSONA EN CIRCUNSTANCIAS DE DEBILIDAD MANIFIESTA-Protecci\u00f3n en el \u00e1mbito internacional \u00a0 DISCAPACITADO-Reglas jurisprudenciales para su protecci\u00f3n especial \u00a0 SUSTITUCION PENSIONAL A HIJO INCAPAZ \u00a0 HIJO DISCAPACITADO-Se requiere que la madre inicie proceso de interdicci\u00f3n judicial para el pago de la pensi\u00f3n de sobrevivientes por Foncolpuertos \u00a0 ACCION DE TUTELA-Se condiciona el pago de la pensi\u00f3n de sobrevivientes a hijo inv\u00e1lido hasta que se allegue sentencia de interdicci\u00f3n y la designaci\u00f3n de un curador \u00a0 Referencia: expediente T-1707122 ...<br \/><div class=\"pt-cv-rmwrap\"><a href=\"https:\/\/www.dmsjuridica.com\/buscador_20179478954\/corteconstitucionalcronologico202454587\/t-043-08\/\" class=\"_self pt-cv-readmore btn btn-success\" target=\"_self\">Ver Sentencia Completa...<\/a><\/div><\/div><\/div><\/div>\n<div class=\"col-md-12 col-sm-12 col-xs-12 pt-cv-content-item pt-cv-1-col\" ><div class='pt-cv-ifield'><a href=\"https:\/\/www.dmsjuridica.com\/buscador_20179478954\/corteconstitucionalcronologico202454587\/t-042-08\/\" class=\"_self pt-cv-href-thumbnail pt-cv-thumb-default\" target=\"_self\" ><\/a>\n<div class=\"pt-cv-taxoterm above_title\"><a href='https:\/\/www.dmsjuridica.com\/buscador_20179478954\/corteconstitucionalcronologico202454587\/category\/buscar-en-toda-la-corte\/2008\/tutelas-2008\/' title='Tutelas 2008' class='pt-cv-tax-tutelas-2008'>Tutelas 2008<\/a><\/div>\n<h4 class=\"pt-cv-title\"><a href=\"https:\/\/www.dmsjuridica.com\/buscador_20179478954\/corteconstitucionalcronologico202454587\/t-042-08\/\" class=\"_self\" target=\"_self\" >T-042-08<\/a><\/h4>\n<div class=\"pt-cv-content\">CEDULA DE CIUDADANIA-Finalidad y funciones \u00a0 CEDULACION-Constituye un servicio p\u00fablico\u00a0 \u00a0 La c\u00e9dula de ciudadan\u00eda tambi\u00e9n se encuentra vinculada al principio democr\u00e1tico de derecho y, por esa v\u00eda, a la legitimidad del Estado contempor\u00e1neo. As\u00ed, la cedulaci\u00f3n constituye un servicio p\u00fablico que debe prestarse con especial inter\u00e9s pues no se trata s\u00f3lo de la expedici\u00f3n de un documento p\u00fablico cualquiera sino de la concreci\u00f3n, para el ciudadano, de sus posibilidades de acceso a los derechos civiles y pol\u00edticos reconocidos por el ordenamiento. \u00a0 DERECHO DE PETICION-Alcance y contenido \u00a0 DERECHO DE PETICION-Lo constituye la solicitud para adelantar el tr\u00e1mite de ...<br \/><div class=\"pt-cv-rmwrap\"><a href=\"https:\/\/www.dmsjuridica.com\/buscador_20179478954\/corteconstitucionalcronologico202454587\/t-042-08\/\" class=\"_self pt-cv-readmore btn btn-success\" target=\"_self\">Ver Sentencia Completa...<\/a><\/div><\/div><\/div><\/div>\n<div class=\"col-md-12 col-sm-12 col-xs-12 pt-cv-content-item pt-cv-1-col\" ><div class='pt-cv-ifield'><a href=\"https:\/\/www.dmsjuridica.com\/buscador_20179478954\/corteconstitucionalcronologico202454587\/t-041-08\/\" class=\"_self pt-cv-href-thumbnail pt-cv-thumb-default\" target=\"_self\" ><\/a>\n<div class=\"pt-cv-taxoterm above_title\"><a href='https:\/\/www.dmsjuridica.com\/buscador_20179478954\/corteconstitucionalcronologico202454587\/category\/buscar-en-toda-la-corte\/2008\/tutelas-2008\/' title='Tutelas 2008' class='pt-cv-tax-tutelas-2008'>Tutelas 2008<\/a><\/div>\n<h4 class=\"pt-cv-title\"><a href=\"https:\/\/www.dmsjuridica.com\/buscador_20179478954\/corteconstitucionalcronologico202454587\/t-041-08\/\" class=\"_self\" target=\"_self\" >T-041-08<\/a><\/h4>\n<div class=\"pt-cv-content\">\u00a0 \u00a0 Sentencia T-041\/08 \u00a0 ACCION DE TUTELA-Se niega por la ARS cirug\u00eda ocular a la accionante por no cancelar los copagos correspondientes \u00a0 ACCION DE TUTELA-Hecho superado por cuanto la cirug\u00eda ocular se realiz\u00f3 cancelando la peticionaria los copagos con la ayudad de sus familiares \u00a0 Referencia: expediente T-1706929 \u00a0 Acci\u00f3n de tutela de Luz Marina Ciro de Holgu\u00edn contra la ARS COMFAMA y la Direcci\u00f3n Seccional de Salud de Antioquia. \u00a0 Magistrada Ponente: \u00a0 Bogot\u00e1, D.C., veinticuatro (24) de enero de dos mil ocho (2008). \u00a0 La Sala Novena de Revisi\u00f3n de la Corte Constitucional, integrada por los ...<br \/><div class=\"pt-cv-rmwrap\"><a href=\"https:\/\/www.dmsjuridica.com\/buscador_20179478954\/corteconstitucionalcronologico202454587\/t-041-08\/\" class=\"_self pt-cv-readmore btn btn-success\" target=\"_self\">Ver Sentencia Completa...<\/a><\/div><\/div><\/div><\/div>\n<div class=\"col-md-12 col-sm-12 col-xs-12 pt-cv-content-item pt-cv-1-col\" ><div class='pt-cv-ifield'><a href=\"https:\/\/www.dmsjuridica.com\/buscador_20179478954\/corteconstitucionalcronologico202454587\/t-040-08\/\" class=\"_self pt-cv-href-thumbnail pt-cv-thumb-default\" target=\"_self\" ><\/a>\n<div class=\"pt-cv-taxoterm above_title\"><a href='https:\/\/www.dmsjuridica.com\/buscador_20179478954\/corteconstitucionalcronologico202454587\/category\/buscar-en-toda-la-corte\/2008\/tutelas-2008\/' title='Tutelas 2008' class='pt-cv-tax-tutelas-2008'>Tutelas 2008<\/a><\/div>\n<h4 class=\"pt-cv-title\"><a href=\"https:\/\/www.dmsjuridica.com\/buscador_20179478954\/corteconstitucionalcronologico202454587\/t-040-08\/\" class=\"_self\" target=\"_self\" >T-040-08<\/a><\/h4>\n<div class=\"pt-cv-content\">\u00a0 \u00a0 Sentencia T-040\/08 \u00a0 ACCION DE TUTELA CONTRA ENTIDAD FINANCIERA EN LIQUIDACION-Procedencia excepcional para devoluci\u00f3n de dineros\u00a0 \u00a0 Por regla general se ha establecido la improcedencia de la acci\u00f3n de tutela para el cobro de obligaciones dinerarias frente a entidades en liquidaci\u00f3n. No obstante, la jurisprudencia constitucional ha determinado la procedencia de esta acci\u00f3n, en casos extraordinarios en los cuales se ha probado claramente la conexidad que existe entre la protecci\u00f3n del m\u00ednimo vital y el pago de tal deuda. Estas situaciones especiales se presentan particularmente cuando: (i) la persona se encuentra expuesta ante la ocurrencia de un perjuicio ...<br \/><div class=\"pt-cv-rmwrap\"><a href=\"https:\/\/www.dmsjuridica.com\/buscador_20179478954\/corteconstitucionalcronologico202454587\/t-040-08\/\" class=\"_self pt-cv-readmore btn btn-success\" target=\"_self\">Ver Sentencia Completa...<\/a><\/div><\/div><\/div><\/div>\n<div class=\"col-md-12 col-sm-12 col-xs-12 pt-cv-content-item pt-cv-1-col\" ><div class='pt-cv-ifield'><a href=\"https:\/\/www.dmsjuridica.com\/buscador_20179478954\/corteconstitucionalcronologico202454587\/t-039-08\/\" class=\"_self pt-cv-href-thumbnail pt-cv-thumb-default\" target=\"_self\" ><\/a>\n<div class=\"pt-cv-taxoterm above_title\"><a href='https:\/\/www.dmsjuridica.com\/buscador_20179478954\/corteconstitucionalcronologico202454587\/category\/buscar-en-toda-la-corte\/2008\/tutelas-2008\/' title='Tutelas 2008' class='pt-cv-tax-tutelas-2008'>Tutelas 2008<\/a><\/div>\n<h4 class=\"pt-cv-title\"><a href=\"https:\/\/www.dmsjuridica.com\/buscador_20179478954\/corteconstitucionalcronologico202454587\/t-039-08\/\" class=\"_self\" target=\"_self\" >T-039-08<\/a><\/h4>\n<div class=\"pt-cv-content\">\u00a0 \u00a0 Sentencia T-039\/08 \u00a0 AGENCIA OFICIOSA EN TUTELA-Madre en representaci\u00f3n de hijo menor enfermo \u00a0 DERECHO A LA SALUD Y SEGURIDAD SOCIAL DEL NI\u00d1O-Fundamentales \u00a0 DERECHOS DEL NI\u00d1O-Fundamentales y prevalentes \u00a0 SISTEMA DE SEGURIDAD SOCIAL EN SALUD-Cuotas moderadoras o copagos no pueden convertirse en barreras de acceso al servicio para personas que no tienen recursos econ\u00f3micos \u00a0 PRESUNCION DE INCAPACIDAD ECONOMICA-Madre de tres hijos menores con esposo en la c\u00e1rcel \u00a0 DERECHO A LA SALUD DEL NI\u00d1O-Atenci\u00f3n m\u00e9dica integral del 100% por la EPS tanto de los servicios incluidos en el POS, como de los excluidos, sin exigir copagos ...<br \/><div class=\"pt-cv-rmwrap\"><a href=\"https:\/\/www.dmsjuridica.com\/buscador_20179478954\/corteconstitucionalcronologico202454587\/t-039-08\/\" class=\"_self pt-cv-readmore btn btn-success\" target=\"_self\">Ver Sentencia Completa...<\/a><\/div><\/div><\/div><\/div>\n<div class=\"col-md-12 col-sm-12 col-xs-12 pt-cv-content-item pt-cv-1-col\" ><div class='pt-cv-ifield'><a href=\"https:\/\/www.dmsjuridica.com\/buscador_20179478954\/corteconstitucionalcronologico202454587\/t-029-08\/\" class=\"_self pt-cv-href-thumbnail pt-cv-thumb-default\" target=\"_self\" ><\/a>\n<div class=\"pt-cv-taxoterm above_title\"><a href='https:\/\/www.dmsjuridica.com\/buscador_20179478954\/corteconstitucionalcronologico202454587\/category\/buscar-en-toda-la-corte\/2008\/tutelas-2008\/' title='Tutelas 2008' class='pt-cv-tax-tutelas-2008'>Tutelas 2008<\/a><\/div>\n<h4 class=\"pt-cv-title\"><a href=\"https:\/\/www.dmsjuridica.com\/buscador_20179478954\/corteconstitucionalcronologico202454587\/t-029-08\/\" class=\"_self\" target=\"_self\" >T-029-08<\/a><\/h4>\n<div class=\"pt-cv-content\">\u00a0 \u00a0 Sentencia T-029\/08 \u00a0 ADMINISTRADORA DE RIESGOS PROFESIONALES-Obligaciones \u00a0 ADMINISTRADORA DE RIESGOS PROFESIONALES-Calificaci\u00f3n de patolog\u00edas \u00a0 DERECHO DE PETICION-La empresa aseguradora le inform\u00f3 al peticionario que la atenci\u00f3n asistencial para su diabetes deber\u00e1 ser prestada por la EPS a la cual est\u00e1 afiliado y no por la ARS\u00a0 \u00a0 En relaci\u00f3n con la alegada violaci\u00f3n del derecho de petici\u00f3n, encuentra la Sala que durante el tr\u00e1mite de la acci\u00f3n de tutela la entidad demandada demostr\u00f3 que s\u00ed le dio respuesta dentro de los t\u00e9rminos legales a la solicitud formulada por el accionante. La Directora Nacional de Cuidado Integral de ...<br \/><div class=\"pt-cv-rmwrap\"><a href=\"https:\/\/www.dmsjuridica.com\/buscador_20179478954\/corteconstitucionalcronologico202454587\/t-029-08\/\" class=\"_self pt-cv-readmore btn btn-success\" target=\"_self\">Ver Sentencia Completa...<\/a><\/div><\/div><\/div><\/div>\n<div class=\"col-md-12 col-sm-12 col-xs-12 pt-cv-content-item pt-cv-1-col\" ><div class='pt-cv-ifield'><a href=\"https:\/\/www.dmsjuridica.com\/buscador_20179478954\/corteconstitucionalcronologico202454587\/t-028-08\/\" class=\"_self pt-cv-href-thumbnail pt-cv-thumb-default\" target=\"_self\" ><\/a>\n<div class=\"pt-cv-taxoterm above_title\"><a href='https:\/\/www.dmsjuridica.com\/buscador_20179478954\/corteconstitucionalcronologico202454587\/category\/buscar-en-toda-la-corte\/2008\/tutelas-2008\/' title='Tutelas 2008' class='pt-cv-tax-tutelas-2008'>Tutelas 2008<\/a><\/div>\n<h4 class=\"pt-cv-title\"><a href=\"https:\/\/www.dmsjuridica.com\/buscador_20179478954\/corteconstitucionalcronologico202454587\/t-028-08\/\" class=\"_self\" target=\"_self\" >T-028-08<\/a><\/h4>\n<div class=\"pt-cv-content\">\u00a0 \u00a0 Sentencia T-028\/08 \u00a0 ACCION DE TUTELA CONTRA PROVIDENCIAS JUDICIALES-Procedencia excepcional\/ACCION DE TUTELA CONTRA PROVIDENCIAS JUDICIALES-Causales gen\u00e9ricas y especiales de procedibilidad \u00a0 ENTIDAD FINANCIERA-Reliquidaci\u00f3n y redenominaci\u00f3n de cr\u00e9ditos en moneda legal a UVR es una disposici\u00f3n expresa del legislador \u00a0 ENTIDAD FINANCIERA-Requisitos de validez para modificaci\u00f3n de cr\u00e9ditos de vivienda \u00a0 REDENOMINACION UNILATERAL DE LA OBLIGACION PACTADA EN PESOS A UVR \u00a0 CREDITO HIPOTECARIO-Reliquidaci\u00f3n\/DEBIDO PROCESO-Excepci\u00f3n formulada por la accionante sobre la indebida reliquidaci\u00f3n de su cr\u00e9dito hipotecario \u00a0 ACCION DE TUTELA CONTRA PROVIDENCIAS JUDICIALES-Improcedencia ya que no hubo consideraciones caprichosas y acomodaticias en las sentencias y no se pudo ...<br \/><div class=\"pt-cv-rmwrap\"><a href=\"https:\/\/www.dmsjuridica.com\/buscador_20179478954\/corteconstitucionalcronologico202454587\/t-028-08\/\" class=\"_self pt-cv-readmore btn btn-success\" target=\"_self\">Ver Sentencia Completa...<\/a><\/div><\/div><\/div><\/div>\n<div class=\"col-md-12 col-sm-12 col-xs-12 pt-cv-content-item pt-cv-1-col\" ><div class='pt-cv-ifield'><a href=\"https:\/\/www.dmsjuridica.com\/buscador_20179478954\/corteconstitucionalcronologico202454587\/t-027-08\/\" class=\"_self pt-cv-href-thumbnail pt-cv-thumb-default\" target=\"_self\" ><\/a>\n<div class=\"pt-cv-taxoterm above_title\"><a href='https:\/\/www.dmsjuridica.com\/buscador_20179478954\/corteconstitucionalcronologico202454587\/category\/buscar-en-toda-la-corte\/2008\/tutelas-2008\/' title='Tutelas 2008' class='pt-cv-tax-tutelas-2008'>Tutelas 2008<\/a><\/div>\n<h4 class=\"pt-cv-title\"><a href=\"https:\/\/www.dmsjuridica.com\/buscador_20179478954\/corteconstitucionalcronologico202454587\/t-027-08\/\" class=\"_self\" target=\"_self\" >T-027-08<\/a><\/h4>\n<div class=\"pt-cv-content\">\u00a0 \u00a0 Sentencia T-027\/08 \u00a0 ACCION DE TUTELA CONTRA PROVIDENCIAS JUDICIALES-Procedencia excepcional \u00a0 ACCION DE TUTELA CONTRA PROVIDENCIAS JUDICIALES-Solicitud de nulidad por no realizarse debidamente el tr\u00e1mite de la notificaci\u00f3n de la sentencia condenatoria en proceso penal\u00a0 \u00a0 VIA DE HECHO-Inexistencia por cuanto la notificaci\u00f3n fue debidamente realizada pero el actor dej\u00f3 vencer el t\u00e9rmino preclusivo para sustentar el recurso de alzada \u00a0 Referencia: expediente T-1670084 \u00a0 Acci\u00f3n de tutela instaurada por Jos\u00e9 Berm\u00fadez Portocarrero, contra los Juzgados 57 Penal Municipal y 22 Penal del Circuito de Bogot\u00e1 \u00a0 Procedencia: Corte Suprema de Justicia, Sala de Casaci\u00f3n Penal \u00a0 Dr ...<br \/><div class=\"pt-cv-rmwrap\"><a href=\"https:\/\/www.dmsjuridica.com\/buscador_20179478954\/corteconstitucionalcronologico202454587\/t-027-08\/\" class=\"_self pt-cv-readmore btn btn-success\" target=\"_self\">Ver Sentencia Completa...<\/a><\/div><\/div><\/div><\/div>\n<div class=\"col-md-12 col-sm-12 col-xs-12 pt-cv-content-item pt-cv-1-col\" ><div class='pt-cv-ifield'><a href=\"https:\/\/www.dmsjuridica.com\/buscador_20179478954\/corteconstitucionalcronologico202454587\/t-026-08\/\" class=\"_self pt-cv-href-thumbnail pt-cv-thumb-default\" target=\"_self\" ><\/a>\n<div class=\"pt-cv-taxoterm above_title\"><a href='https:\/\/www.dmsjuridica.com\/buscador_20179478954\/corteconstitucionalcronologico202454587\/category\/buscar-en-toda-la-corte\/2008\/tutelas-2008\/' title='Tutelas 2008' class='pt-cv-tax-tutelas-2008'>Tutelas 2008<\/a><\/div>\n<h4 class=\"pt-cv-title\"><a href=\"https:\/\/www.dmsjuridica.com\/buscador_20179478954\/corteconstitucionalcronologico202454587\/t-026-08\/\" class=\"_self\" target=\"_self\" >T-026-08<\/a><\/h4>\n<div class=\"pt-cv-content\">\u00a0 \u00a0 Sentencia T-026\/08 \u00a0 ACCION DE TUTELA-Improcedencia reembolso de dineros por asunci\u00f3n de costos m\u00e9dicos\/MEDIO DE DEFENSA JUDICIAL-Reembolso de dineros por asunci\u00f3n de costos m\u00e9dicos \u00a0 ACCION DE TUTELA-Improcedencia para resolver controversias sobre derechos prestacionales u obligaciones dinerarias \u00a0 ACCION DE TUTELA-No procede para redimir la suma de dinero a cuyo pago se oblig\u00f3 el accionante por la atenci\u00f3n oportuna de su hija \u00a0 Referencia: expediente T-1700433 \u00a0 Acci\u00f3n de tutela incoada por Jos\u00e9 Sebasti\u00e1n Ruiz T\u00e9llez, en representaci\u00f3n de su menor hija Luisa Fernanda Ruiz Castro, contra FAMISANAR EPS. \u00a0 Procedencia: Juzgado D\u00e9cimo Penal Municipal de Bogot\u00e1. \u00a0 ...<br \/><div class=\"pt-cv-rmwrap\"><a href=\"https:\/\/www.dmsjuridica.com\/buscador_20179478954\/corteconstitucionalcronologico202454587\/t-026-08\/\" class=\"_self pt-cv-readmore btn btn-success\" target=\"_self\">Ver Sentencia Completa...<\/a><\/div><\/div><\/div><\/div>\n<div class=\"col-md-12 col-sm-12 col-xs-12 pt-cv-content-item pt-cv-1-col\" ><div class='pt-cv-ifield'><a href=\"https:\/\/www.dmsjuridica.com\/buscador_20179478954\/corteconstitucionalcronologico202454587\/t-025-08\/\" class=\"_self pt-cv-href-thumbnail pt-cv-thumb-default\" target=\"_self\" ><\/a>\n<div class=\"pt-cv-taxoterm above_title\"><a href='https:\/\/www.dmsjuridica.com\/buscador_20179478954\/corteconstitucionalcronologico202454587\/category\/buscar-en-toda-la-corte\/2008\/tutelas-2008\/' title='Tutelas 2008' class='pt-cv-tax-tutelas-2008'>Tutelas 2008<\/a><\/div>\n<h4 class=\"pt-cv-title\"><a href=\"https:\/\/www.dmsjuridica.com\/buscador_20179478954\/corteconstitucionalcronologico202454587\/t-025-08\/\" class=\"_self\" target=\"_self\" >T-025-08<\/a><\/h4>\n<div class=\"pt-cv-content\">\u00a0 \u00a0 Sentencia T-025\/08 \u00a0 ACCION DE TUTELA-La demandante no est\u00e1 inscrita en el Registro Unico de Poblaci\u00f3n Desplazada \u00a0 ACCION DE TUTELA-Hecho superado por cuanto Acci\u00f3n Social incluy\u00f3 a la demandante en el Registro de Poblaci\u00f3n Desplazada \u00a0 Referencia: expediente T-1647716 \u00a0 Acci\u00f3n de tutela de Eilinn del Roc\u00edo Orozco Cabrera, contra la Secretar\u00eda Distrital de Salud de Bogot\u00e1 y Acci\u00f3n Social.\u00a0 \u00a0 Procedencia: Tribunal Superior del Distrito Judicial de Bogot\u00e1, Sala Civil. \u00a0 Magistrado Ponente:\u00a0 \u00a0 Dr. NILSON PINILLA PINILLA \u00a0 Bogot\u00e1, D. C., veintid\u00f3s (22) de enero de dos mil ocho (2008). \u00a0 La Sala S\u00e9ptima de ...<br \/><div class=\"pt-cv-rmwrap\"><a href=\"https:\/\/www.dmsjuridica.com\/buscador_20179478954\/corteconstitucionalcronologico202454587\/t-025-08\/\" class=\"_self pt-cv-readmore btn btn-success\" target=\"_self\">Ver Sentencia Completa...<\/a><\/div><\/div><\/div><\/div>\n<div class=\"col-md-12 col-sm-12 col-xs-12 pt-cv-content-item pt-cv-1-col\" ><div class='pt-cv-ifield'><a href=\"https:\/\/www.dmsjuridica.com\/buscador_20179478954\/corteconstitucionalcronologico202454587\/t-024-08\/\" class=\"_self pt-cv-href-thumbnail pt-cv-thumb-default\" target=\"_self\" ><\/a>\n<div class=\"pt-cv-taxoterm above_title\"><a href='https:\/\/www.dmsjuridica.com\/buscador_20179478954\/corteconstitucionalcronologico202454587\/category\/buscar-en-toda-la-corte\/2008\/tutelas-2008\/' title='Tutelas 2008' class='pt-cv-tax-tutelas-2008'>Tutelas 2008<\/a><\/div>\n<h4 class=\"pt-cv-title\"><a href=\"https:\/\/www.dmsjuridica.com\/buscador_20179478954\/corteconstitucionalcronologico202454587\/t-024-08\/\" class=\"_self\" target=\"_self\" >T-024-08<\/a><\/h4>\n<div class=\"pt-cv-content\">\u00a0 \u00a0 Sentencia T-024\/08 \u00a0 DECRETO 806 DE 1998-Reglas que se deben seguir para resolver casos de m\u00faltiple afiliaci\u00f3n al sistema general de seguridad social en salud \u00a0 SISTEMA DE SEGURIDAD SOCIAL EN SALUD-P\u00e9rdida de la calidad de afiliado al r\u00e9gimen subsidiado por multiafiliaci\u00f3n \u00a0 ACCION DE TUTELA-Hecho superado frente al caso en que al actor ya lo afiliaron al r\u00e9gimen subsidiado \u00a0 DERECHO A LA SALUD Y LIBRE ESCOGENCIA DE ENTIDAD PROMOTORA DE SALUD \u00a0 DERECHO A LA SALUD, A LA VIDA Y DEBIDO PROCESO-Definici\u00f3n de la afiliaci\u00f3n de la demandante y su familia a la EPS escogida por ...<br \/><div class=\"pt-cv-rmwrap\"><a href=\"https:\/\/www.dmsjuridica.com\/buscador_20179478954\/corteconstitucionalcronologico202454587\/t-024-08\/\" class=\"_self pt-cv-readmore btn btn-success\" target=\"_self\">Ver Sentencia Completa...<\/a><\/div><\/div><\/div><\/div>\n<div class=\"col-md-12 col-sm-12 col-xs-12 pt-cv-content-item pt-cv-1-col\" ><div class='pt-cv-ifield'><a href=\"https:\/\/www.dmsjuridica.com\/buscador_20179478954\/corteconstitucionalcronologico202454587\/t-023-08\/\" class=\"_self pt-cv-href-thumbnail pt-cv-thumb-default\" target=\"_self\" ><\/a>\n<div class=\"pt-cv-taxoterm above_title\"><a href='https:\/\/www.dmsjuridica.com\/buscador_20179478954\/corteconstitucionalcronologico202454587\/category\/buscar-en-toda-la-corte\/2008\/tutelas-2008\/' title='Tutelas 2008' class='pt-cv-tax-tutelas-2008'>Tutelas 2008<\/a><\/div>\n<h4 class=\"pt-cv-title\"><a href=\"https:\/\/www.dmsjuridica.com\/buscador_20179478954\/corteconstitucionalcronologico202454587\/t-023-08\/\" class=\"_self\" target=\"_self\" >T-023-08<\/a><\/h4>\n<div class=\"pt-cv-content\">\u00a0 \u00a0 Sentencia T-023\/08 \u00a0 DERECHO A LA VIDA DIGNA-Alcance \u00a0 LINEA JURISPRUDENCIAL SOBRE CIRUGIA DE BY PASS GASTRICO POR OBESIDAD MORBIDA \u00a0 DERECHO A LA SALUD Y A LA VIDA-Autorizaci\u00f3n por la EPS S\u00e1nitas de la cirug\u00eda de by pass g\u00e1strico por obesidad m\u00f3rbida y la continuaci\u00f3n del tratamiento integral que requiera la demandante \u00a0 Referencia: expediente T-1702655. \u00a0 Acci\u00f3n de tutela instaurada por Alina Margarita V\u00e1squez Naranjo, contra EPS Sanitas. \u00a0 Procedencia: Juzgado 15 Civil del Circuito de Cali. \u00a0 Magistrado Ponente: Dr. NILSON PINILLA PINILLA. \u00a0 Bogot\u00e1, D. C., veintid\u00f3s (22) de enero de dos mil ocho ...<br \/><div class=\"pt-cv-rmwrap\"><a href=\"https:\/\/www.dmsjuridica.com\/buscador_20179478954\/corteconstitucionalcronologico202454587\/t-023-08\/\" class=\"_self pt-cv-readmore btn btn-success\" target=\"_self\">Ver Sentencia Completa...<\/a><\/div><\/div><\/div><\/div>\n<div class=\"col-md-12 col-sm-12 col-xs-12 pt-cv-content-item pt-cv-1-col\" ><div class='pt-cv-ifield'><a href=\"https:\/\/www.dmsjuridica.com\/buscador_20179478954\/corteconstitucionalcronologico202454587\/t-022-08\/\" class=\"_self pt-cv-href-thumbnail pt-cv-thumb-default\" target=\"_self\" ><\/a>\n<div class=\"pt-cv-taxoterm above_title\"><a href='https:\/\/www.dmsjuridica.com\/buscador_20179478954\/corteconstitucionalcronologico202454587\/category\/buscar-en-toda-la-corte\/2008\/tutelas-2008\/' title='Tutelas 2008' class='pt-cv-tax-tutelas-2008'>Tutelas 2008<\/a><\/div>\n<h4 class=\"pt-cv-title\"><a href=\"https:\/\/www.dmsjuridica.com\/buscador_20179478954\/corteconstitucionalcronologico202454587\/t-022-08\/\" class=\"_self\" target=\"_self\" >T-022-08<\/a><\/h4>\n<div class=\"pt-cv-content\">\u00a0 \u00a0 Sentencia T-022\/08 \u00a0 ACCION DE TUTELA TEMERARIA-Elementos\/ACCION DE TUTELA TEMERARIA-Inexistencia \u00a0 ACCION DE TUTELA-Criterios para determinar su procedencia cuando se afectan derechos colectivos \u00a0 DERECHO AL AMBIENTE SANO Y A LA SALUD-Vertimiento de aguas negras por ausencia de redes de alcantarillado \u00a0 ACCION DE TUTELA-Construcci\u00f3n de alcantarillado y ejecuci\u00f3n de medidas provisionales para evitar los perjuicios causados por el vertimiento de aguas negras en la residencia del demandante \u00a0 Referencia: expediente T-1412613\u00a0 \u00a0 Acci\u00f3n de tutela promovida por Guillermo A. Quintero Montes contra Aguas de Cartagena S. A., ESP, ACUACAR. \u00a0 Procedencia: Juzgado Cuarto Civil del Circuito de ...<br \/><div class=\"pt-cv-rmwrap\"><a href=\"https:\/\/www.dmsjuridica.com\/buscador_20179478954\/corteconstitucionalcronologico202454587\/t-022-08\/\" class=\"_self pt-cv-readmore btn btn-success\" target=\"_self\">Ver Sentencia Completa...<\/a><\/div><\/div><\/div><\/div>\n<div class=\"col-md-12 col-sm-12 col-xs-12 pt-cv-content-item pt-cv-1-col\" ><div class='pt-cv-ifield'><a href=\"https:\/\/www.dmsjuridica.com\/buscador_20179478954\/corteconstitucionalcronologico202454587\/t-021-08\/\" class=\"_self pt-cv-href-thumbnail pt-cv-thumb-default\" target=\"_self\" ><\/a>\n<div class=\"pt-cv-taxoterm above_title\"><a href='https:\/\/www.dmsjuridica.com\/buscador_20179478954\/corteconstitucionalcronologico202454587\/category\/buscar-en-toda-la-corte\/2008\/tutelas-2008\/' title='Tutelas 2008' class='pt-cv-tax-tutelas-2008'>Tutelas 2008<\/a><\/div>\n<h4 class=\"pt-cv-title\"><a href=\"https:\/\/www.dmsjuridica.com\/buscador_20179478954\/corteconstitucionalcronologico202454587\/t-021-08\/\" class=\"_self\" target=\"_self\" >T-021-08<\/a><\/h4>\n<div class=\"pt-cv-content\">\u00a0 \u00a0 Sentencia T-021\/08 \u00a0 PRINCIPIO DE CONFIANZA LEGITIMA-Finalidad\/PRINCIPIO DE CONFIANZA LEGITIMA-Presupuestos \u00a0 RESTITUCION DE ESPACIO PUBLICO-Requisitos para la legitimidad \u00a0 ESPACIO PUBLICO Y PRINCIPIO DE CONFIANZA LEGITIMA-Lustrabotas que lleva 12 a\u00f1os en la plazoleta Dar\u00edo Echand\u00eda de Ibagu\u00e9 y quieren desalojarlo\u00a0 \u00a0 La Direcci\u00f3n de Espacio Publico y Control Urbano, sin mayores argumentos, claramente descalifica dicha autorizaci\u00f3n, al considerarla ineficaz, en la medida en que fue concedida antes de que se emitiera el fallo del Consejo de Estado y se adoptaran las acciones de la administraci\u00f3n municipal para el cumplimiento de lo ordenado en relaci\u00f3n con la recuperaci\u00f3n del ...<br \/><div class=\"pt-cv-rmwrap\"><a href=\"https:\/\/www.dmsjuridica.com\/buscador_20179478954\/corteconstitucionalcronologico202454587\/t-021-08\/\" class=\"_self pt-cv-readmore btn btn-success\" target=\"_self\">Ver Sentencia Completa...<\/a><\/div><\/div><\/div><\/div>\n<div class=\"col-md-12 col-sm-12 col-xs-12 pt-cv-content-item pt-cv-1-col\" ><div class='pt-cv-ifield'><a href=\"https:\/\/www.dmsjuridica.com\/buscador_20179478954\/corteconstitucionalcronologico202454587\/t-020-08\/\" class=\"_self pt-cv-href-thumbnail pt-cv-thumb-default\" target=\"_self\" ><\/a>\n<div class=\"pt-cv-taxoterm above_title\"><a href='https:\/\/www.dmsjuridica.com\/buscador_20179478954\/corteconstitucionalcronologico202454587\/category\/buscar-en-toda-la-corte\/2008\/tutelas-2008\/' title='Tutelas 2008' class='pt-cv-tax-tutelas-2008'>Tutelas 2008<\/a><\/div>\n<h4 class=\"pt-cv-title\"><a href=\"https:\/\/www.dmsjuridica.com\/buscador_20179478954\/corteconstitucionalcronologico202454587\/t-020-08\/\" class=\"_self\" target=\"_self\" >T-020-08<\/a><\/h4>\n<div class=\"pt-cv-content\">\u00a0 \u00a0 Sentencia T-020\/08 \u00a0 EJERCITO NACIONAL-Obligaci\u00f3n de realizar examen m\u00e9dico de retiro a quienes dejen de pertenecer a la Instituci\u00f3n\/EXAMEN DE RETIRO DE LA FUERZA PUBLICA-Procedencia de la tutela depende de que se produzca una amenaza o vulneraci\u00f3n de derechos fundamentales \u00a0 RELACIONES DE ESPECIAL SUJECION ENTRE LOS INTERNOS Y EL ESTADO-Alcance \u00a0 DERECHOS DEL INTERNO-Obligaci\u00f3n del Estado de prestar atenci\u00f3n m\u00e9dica adecuada, digna y oportuna \u00a0 EXAMEN DE RETIRO DE LA FUERZA PUBLICA-Vulneraci\u00f3n de derechos fundamentales del actor por cuanto \u00e9l no pod\u00eda presentarse al Ej\u00e9rcito para la pr\u00e1ctica del examen de retiro por encontrarse privado de la ...<br \/><div class=\"pt-cv-rmwrap\"><a href=\"https:\/\/www.dmsjuridica.com\/buscador_20179478954\/corteconstitucionalcronologico202454587\/t-020-08\/\" class=\"_self pt-cv-readmore btn btn-success\" target=\"_self\">Ver Sentencia Completa...<\/a><\/div><\/div><\/div><\/div>\n<div class=\"col-md-12 col-sm-12 col-xs-12 pt-cv-content-item pt-cv-1-col\" ><div class='pt-cv-ifield'><a href=\"https:\/\/www.dmsjuridica.com\/buscador_20179478954\/corteconstitucionalcronologico202454587\/t-019-08\/\" class=\"_self pt-cv-href-thumbnail pt-cv-thumb-default\" target=\"_self\" ><\/a>\n<div class=\"pt-cv-taxoterm above_title\"><a href='https:\/\/www.dmsjuridica.com\/buscador_20179478954\/corteconstitucionalcronologico202454587\/category\/buscar-en-toda-la-corte\/2008\/tutelas-2008\/' title='Tutelas 2008' class='pt-cv-tax-tutelas-2008'>Tutelas 2008<\/a><\/div>\n<h4 class=\"pt-cv-title\"><a href=\"https:\/\/www.dmsjuridica.com\/buscador_20179478954\/corteconstitucionalcronologico202454587\/t-019-08\/\" class=\"_self\" target=\"_self\" >T-019-08<\/a><\/h4>\n<div class=\"pt-cv-content\">\u00a0 \u00a0 Sentencia T-019\/08 \u00a0 DERECHO DE PETICION-Alcance y contenido\/DERECHO DE PETICION-N\u00facleo esencial \u00a0 ACTA DE DEFUNCION-Correcci\u00f3n por inconsistencias en su nombre debido a una doble cedulaci\u00f3n \u00a0 DERECHO DE PETICION-La Fiscal\u00eda ha procedido a cancelar la doble cedulaci\u00f3n del difunto asesinado y todas las actuaciones han sido oportunamente comunicadas a la actora \u00a0 ACCION DE TUTELA-Hecho superado por cuanto la Fiscal\u00eda ha comunicado a la peticionaria todas las actuaciones realizadas\u00a0 \u00a0 Referencia: expediente T-1710916 \u00a0 Acci\u00f3n de tutela instaurada por Xiomara Prado Osorio contra la Coordinaci\u00f3n unidad de vida - Fiscal\u00eda Seccional de Cali, Valle. \u00a0 Dr. JAIME C\u00d3RDOBA ...<br \/><div class=\"pt-cv-rmwrap\"><a href=\"https:\/\/www.dmsjuridica.com\/buscador_20179478954\/corteconstitucionalcronologico202454587\/t-019-08\/\" class=\"_self pt-cv-readmore btn btn-success\" target=\"_self\">Ver Sentencia Completa...<\/a><\/div><\/div><\/div><\/div>\n<div class=\"col-md-12 col-sm-12 col-xs-12 pt-cv-content-item pt-cv-1-col\" ><div class='pt-cv-ifield'><a href=\"https:\/\/www.dmsjuridica.com\/buscador_20179478954\/corteconstitucionalcronologico202454587\/t-018-08\/\" class=\"_self pt-cv-href-thumbnail pt-cv-thumb-default\" target=\"_self\" ><\/a>\n<div class=\"pt-cv-taxoterm above_title\"><a href='https:\/\/www.dmsjuridica.com\/buscador_20179478954\/corteconstitucionalcronologico202454587\/category\/buscar-en-toda-la-corte\/2008\/tutelas-2008\/' title='Tutelas 2008' class='pt-cv-tax-tutelas-2008'>Tutelas 2008<\/a><\/div>\n<h4 class=\"pt-cv-title\"><a href=\"https:\/\/www.dmsjuridica.com\/buscador_20179478954\/corteconstitucionalcronologico202454587\/t-018-08\/\" class=\"_self\" target=\"_self\" >T-018-08<\/a><\/h4>\n<div class=\"pt-cv-content\">\u00a0 \u00a0 Sentencia T-018\/08 \u00a0 ACCION DE TUTELA CONTRA PROVIDENCIAS JUDICIALES-Procedencia excepcional \u00a0 ACCION DE TUTELA CONTRA PROVIDENCIAS JUDICIALES-Requisitos generales y especiales de procedibilidad \u00a0 ACCION DE TUTELA CONTRA PROVIDENCIAS JUDICIALES-Defecto sustantivo \u00a0 ACCION DE TUTELA-Se encuentra cumplido el requisito de inmediatez \u00a0 PRINCIPIO DE FAVORABILIDAD LABORAL-Aplicaci\u00f3n \u00a0 PRINCIPIO DE FAVORABILIDAD LABORAL-Elementos \u00a0 DERECHOS SOCIALES PRESTACIONALES-Alcance de la progresividad\/DERECHOS SOCIALES PRESTACIONALES-Frente a una medida regresiva debe presumirse su inconstitucionalidad \u00a0 PENSION DE INVALIDEZ-Ley 860 de 2003 estableci\u00f3 requisitos m\u00e1s exigentes que los que previ\u00f3 la ley 100 de 1993, restringiendo as\u00ed el acceso a dicha prestaci\u00f3n y convirti\u00e9ndose en una ...<br \/><div class=\"pt-cv-rmwrap\"><a href=\"https:\/\/www.dmsjuridica.com\/buscador_20179478954\/corteconstitucionalcronologico202454587\/t-018-08\/\" class=\"_self pt-cv-readmore btn btn-success\" target=\"_self\">Ver Sentencia Completa...<\/a><\/div><\/div><\/div><\/div>\n<div class=\"col-md-12 col-sm-12 col-xs-12 pt-cv-content-item pt-cv-1-col\" ><div class='pt-cv-ifield'><a href=\"https:\/\/www.dmsjuridica.com\/buscador_20179478954\/corteconstitucionalcronologico202454587\/t-017-08\/\" class=\"_self pt-cv-href-thumbnail pt-cv-thumb-default\" target=\"_self\" ><\/a>\n<div class=\"pt-cv-taxoterm above_title\"><a href='https:\/\/www.dmsjuridica.com\/buscador_20179478954\/corteconstitucionalcronologico202454587\/category\/buscar-en-toda-la-corte\/2008\/tutelas-2008\/' title='Tutelas 2008' class='pt-cv-tax-tutelas-2008'>Tutelas 2008<\/a><\/div>\n<h4 class=\"pt-cv-title\"><a href=\"https:\/\/www.dmsjuridica.com\/buscador_20179478954\/corteconstitucionalcronologico202454587\/t-017-08\/\" class=\"_self\" target=\"_self\" >T-017-08<\/a><\/h4>\n<div class=\"pt-cv-content\">\u00a0 \u00a0 Sentencia T-017\/08 \u00a0 DERECHO A LA SALUD-Cirug\u00eda pl\u00e1stica de reconstrucci\u00f3n de seno es de car\u00e1cter funcional y reconstructiva\/DERECHO A LA SALUD-Cirug\u00eda pl\u00e1stica de reconstrucci\u00f3n de seno con car\u00e1cter funcional y reconstructiva se encuentra incluida en el POS \u00a0 Referencia: expediente T-1688517 \u00a0 Acci\u00f3n de tutela promovida por Paola Andrea Valenzuela Rojas contra SUSALUD EPS. \u00a0 Magistrado Ponente: \u00a0 Dr. Jaime C\u00f3rdoba Trivi\u00f1o \u00a0 Bogot\u00e1, D.C., veintid\u00f3s (22) de enero de dos mil ocho (2008). \u00a0 La Sala Tercera de Revisi\u00f3n de la Corte Constitucional, integrada por los magistrados Jaime C\u00f3rdoba Trivi\u00f1o, Rodrigo Escobar Gil y Mauricio Gonz\u00e1lez Cuervo, ...<br \/><div class=\"pt-cv-rmwrap\"><a href=\"https:\/\/www.dmsjuridica.com\/buscador_20179478954\/corteconstitucionalcronologico202454587\/t-017-08\/\" class=\"_self pt-cv-readmore btn btn-success\" target=\"_self\">Ver Sentencia Completa...<\/a><\/div><\/div><\/div><\/div>\n<div class=\"col-md-12 col-sm-12 col-xs-12 pt-cv-content-item pt-cv-1-col\" ><div class='pt-cv-ifield'><a href=\"https:\/\/www.dmsjuridica.com\/buscador_20179478954\/corteconstitucionalcronologico202454587\/t-016-08\/\" class=\"_self pt-cv-href-thumbnail pt-cv-thumb-default\" target=\"_self\" ><\/a>\n<div class=\"pt-cv-taxoterm above_title\"><a href='https:\/\/www.dmsjuridica.com\/buscador_20179478954\/corteconstitucionalcronologico202454587\/category\/buscar-en-toda-la-corte\/2008\/tutelas-2008\/' title='Tutelas 2008' class='pt-cv-tax-tutelas-2008'>Tutelas 2008<\/a><\/div>\n<h4 class=\"pt-cv-title\"><a href=\"https:\/\/www.dmsjuridica.com\/buscador_20179478954\/corteconstitucionalcronologico202454587\/t-016-08\/\" class=\"_self\" target=\"_self\" >T-016-08<\/a><\/h4>\n<div class=\"pt-cv-content\">\u00a0 \u00a0 Sentencia T-016\/08 \u00a0 (Enero 18) \u00a0 EDAD DE RETIRO FORZOSO-Causal de desvinculaci\u00f3n de docentes al servicio del Estado \u00a0 ACCION DE TUTELA CONTRA ACTO ADMINISTRATIVO-Improcedencia general\/ACCION DE TUTELA CONTRA ACTO ADMINISTRATIVO-Procedencia excepcional por existencia de perjuicio irremediable \u00a0 ACCION DE TUTELA-Improcedencia para solicitar reintegro de empleados p\u00fablicos salvo que se presente un perjuicio irremediable \u00a0 ACCION DE TUTELA-Improcedencia por cuanto el retiro del servicio de la demandante se dio en cumplimiento de las normas legales sobre edad de retiro forzoso de docentes\/MEDIO DE DEFENSA JUDICIAL-Acci\u00f3n de nulidad y restablecimiento del derecho para las pretensiones de la demandante\/ACCION DE ...<br \/><div class=\"pt-cv-rmwrap\"><a href=\"https:\/\/www.dmsjuridica.com\/buscador_20179478954\/corteconstitucionalcronologico202454587\/t-016-08\/\" class=\"_self pt-cv-readmore btn btn-success\" target=\"_self\">Ver Sentencia Completa...<\/a><\/div><\/div><\/div><\/div>\n<div class=\"col-md-12 col-sm-12 col-xs-12 pt-cv-content-item pt-cv-1-col\" ><div class='pt-cv-ifield'><a href=\"https:\/\/www.dmsjuridica.com\/buscador_20179478954\/corteconstitucionalcronologico202454587\/t-015-08\/\" class=\"_self pt-cv-href-thumbnail pt-cv-thumb-default\" target=\"_self\" ><\/a>\n<div class=\"pt-cv-taxoterm above_title\"><a href='https:\/\/www.dmsjuridica.com\/buscador_20179478954\/corteconstitucionalcronologico202454587\/category\/buscar-en-toda-la-corte\/2008\/tutelas-2008\/' title='Tutelas 2008' class='pt-cv-tax-tutelas-2008'>Tutelas 2008<\/a><\/div>\n<h4 class=\"pt-cv-title\"><a href=\"https:\/\/www.dmsjuridica.com\/buscador_20179478954\/corteconstitucionalcronologico202454587\/t-015-08\/\" class=\"_self\" target=\"_self\" >T-015-08<\/a><\/h4>\n<div class=\"pt-cv-content\">\u00a0 \u00a0 Sentencia T-015\/08 \u00a0 (Enero 18) \u00a0 DERECHO A LA SALUD-Fundamental aut\u00f3nomo en el caso de los adultos mayores \u00a0 INAPLICACION DE NORMAS DEL PLAN OBLIGATORIO DE SALUD-Casos en que procede por exclusi\u00f3n de tratamientos y medicamentos de alto costo \u00a0 Referencia: expediente T-1.630.546 \u00a0 Accionante: Eucaris Beatriz Barcelo Fern\u00e1ndez. \u00a0 Accionado: COOMEVA EPS. \u00a0 Magistrados de la Sala Quinta de Revisi\u00f3n: Mauricio Gonz\u00e1lez Cuervo, Marco Gerardo Monroy Cabra y Nilson Pinilla Pinilla. \u00a0 Magistrado Ponente: Dr. MAURICIO GONZ\u00c1LEZ CUERVO. \u00a0 I. ANTECEDENTES. \u00a0 1. Pretensi\u00f3n. \u00a0 La actora instaur\u00f3 acci\u00f3n de tutela1 para el amparo de sus derechos ...<br \/><div class=\"pt-cv-rmwrap\"><a href=\"https:\/\/www.dmsjuridica.com\/buscador_20179478954\/corteconstitucionalcronologico202454587\/t-015-08\/\" class=\"_self pt-cv-readmore btn btn-success\" target=\"_self\">Ver Sentencia Completa...<\/a><\/div><\/div><\/div><\/div>\n<div class=\"col-md-12 col-sm-12 col-xs-12 pt-cv-content-item pt-cv-1-col\" ><div class='pt-cv-ifield'><a href=\"https:\/\/www.dmsjuridica.com\/buscador_20179478954\/corteconstitucionalcronologico202454587\/t-014-08\/\" class=\"_self pt-cv-href-thumbnail pt-cv-thumb-default\" target=\"_self\" ><\/a>\n<div class=\"pt-cv-taxoterm above_title\"><a href='https:\/\/www.dmsjuridica.com\/buscador_20179478954\/corteconstitucionalcronologico202454587\/category\/buscar-en-toda-la-corte\/2008\/tutelas-2008\/' title='Tutelas 2008' class='pt-cv-tax-tutelas-2008'>Tutelas 2008<\/a><\/div>\n<h4 class=\"pt-cv-title\"><a href=\"https:\/\/www.dmsjuridica.com\/buscador_20179478954\/corteconstitucionalcronologico202454587\/t-014-08\/\" class=\"_self\" target=\"_self\" >T-014-08<\/a><\/h4>\n<div class=\"pt-cv-content\">\u00a0 \u00a0 Sentencia T-014\/08 \u00a0 ACCION DE TUTELA CONTRA PROVIDENCIAS JUDICIALES-Procedencia excepcional \u00a0 ACCION DE TUTELA CONTRA PROVIDENCIAS JUDICIALES-Requisitos generales y especiales de procedibilidad \u00a0 DERECHO A MANTENER EL PODER ADQUISITIVO DE LAS PENSIONES-Incluye actualizaci\u00f3n de salario base para liquidaci\u00f3n de primera mesada \u00a0 DERECHO A MANTENER EL PODER ADQUISITIVO DE LAS PENSIONES-Titularidad \u00a0 PRINCIPIO DE INMEDIATEZ EN TUTELA-El actor la interpuso en t\u00e9rmino razonable a partir de que tuvo conocimiento de la sentencia C-862 de 2006\u00a0 \u00a0 El actor interpuso la acci\u00f3n de tutela para reclamar sus derechos en un t\u00e9rmino razonable, es decir, una vez tuvo conocimiento de ...<br \/><div class=\"pt-cv-rmwrap\"><a href=\"https:\/\/www.dmsjuridica.com\/buscador_20179478954\/corteconstitucionalcronologico202454587\/t-014-08\/\" class=\"_self pt-cv-readmore btn btn-success\" target=\"_self\">Ver Sentencia Completa...<\/a><\/div><\/div><\/div><\/div>\n<div class=\"col-md-12 col-sm-12 col-xs-12 pt-cv-content-item pt-cv-1-col\" ><div class='pt-cv-ifield'><a href=\"https:\/\/www.dmsjuridica.com\/buscador_20179478954\/corteconstitucionalcronologico202454587\/t-013-08\/\" class=\"_self pt-cv-href-thumbnail pt-cv-thumb-default\" target=\"_self\" ><\/a>\n<div class=\"pt-cv-taxoterm above_title\"><a href='https:\/\/www.dmsjuridica.com\/buscador_20179478954\/corteconstitucionalcronologico202454587\/category\/buscar-en-toda-la-corte\/2008\/tutelas-2008\/' title='Tutelas 2008' class='pt-cv-tax-tutelas-2008'>Tutelas 2008<\/a><\/div>\n<h4 class=\"pt-cv-title\"><a href=\"https:\/\/www.dmsjuridica.com\/buscador_20179478954\/corteconstitucionalcronologico202454587\/t-013-08\/\" class=\"_self\" target=\"_self\" >T-013-08<\/a><\/h4>\n<div class=\"pt-cv-content\">\u00a0 \u00a0 Sentencia T-013\/08 \u00a0 DERECHO DE PETICION-Fundamental\/DERECHO DE PETICION-N\u00facleo esencial \u00a0 TELECOMUNICACIONES-Implementaci\u00f3n de las tecnolog\u00edas de la informaci\u00f3n al servicio de los ciudadanos\/DOCUMENTO COMPES-Por medio del cual se gestion\u00f3 la creaci\u00f3n de Intranet Gubernamental \u00a0 Como resultado de la aprobaci\u00f3n del Documento COMPES 3072 de 2000 se gestion\u00f3 la creaci\u00f3n del Intranet Gubernamental (Gobierno el L\u00ednea). De esa forma, la pol\u00edtica Agenda de Conectividad pasa a ser una realidad para el desarrollo econ\u00f3mico social y pol\u00edtico del Estado. Y como tal se pone en funcionamiento \u201cGobierno en L\u00ednea\u201d con la creaci\u00f3n de paginas Web de los distintos \u00f3rganos que ...<br \/><div class=\"pt-cv-rmwrap\"><a href=\"https:\/\/www.dmsjuridica.com\/buscador_20179478954\/corteconstitucionalcronologico202454587\/t-013-08\/\" class=\"_self pt-cv-readmore btn btn-success\" target=\"_self\">Ver Sentencia Completa...<\/a><\/div><\/div><\/div><\/div>\n<div class=\"col-md-12 col-sm-12 col-xs-12 pt-cv-content-item pt-cv-1-col\" ><div class='pt-cv-ifield'><a href=\"https:\/\/www.dmsjuridica.com\/buscador_20179478954\/corteconstitucionalcronologico202454587\/t-012-08\/\" class=\"_self pt-cv-href-thumbnail pt-cv-thumb-default\" target=\"_self\" ><\/a>\n<div class=\"pt-cv-taxoterm above_title\"><a href='https:\/\/www.dmsjuridica.com\/buscador_20179478954\/corteconstitucionalcronologico202454587\/category\/buscar-en-toda-la-corte\/2008\/tutelas-2008\/' title='Tutelas 2008' class='pt-cv-tax-tutelas-2008'>Tutelas 2008<\/a><\/div>\n<h4 class=\"pt-cv-title\"><a href=\"https:\/\/www.dmsjuridica.com\/buscador_20179478954\/corteconstitucionalcronologico202454587\/t-012-08\/\" class=\"_self\" target=\"_self\" >T-012-08<\/a><\/h4>\n<div class=\"pt-cv-content\">\u00a0 \u00a0 Sentencia T-012\/08 \u00a0 ACCION DE TUTELA CONTRA PROVIDENCIAS JUDICIALES-Procedencia excepcional \u00a0 ACCION DE TUTELA CONTRA PROVIDENCIAS JUDICIALES-Requisitos generales y especiales de procedibilidad \u00a0 INDEXACION DE LA PRIMERA MESADA PENSIONAL-Finalidad\/INDEXACION DE LA PRIMERA MESADA PENSIONAL-Naturaleza jur\u00eddica\/DERECHO A MANTENER EL PODER ADQUISITIVO DE LAS PENSIONES-Es un derecho constitucional\u00a0 \u00a0 La indexaci\u00f3n de la primera mesada pensional es un derecho reconocido por la Constituci\u00f3n. La indexaci\u00f3n es el mecanismo que permite mantener el valor constante del dinero. En relaci\u00f3n con la naturaleza jur\u00eddica del derecho a la indexaci\u00f3n, la Corte precis\u00f3 que el mismo constitu\u00eda una garant\u00eda de orden constitucional. La ...<br \/><div class=\"pt-cv-rmwrap\"><a href=\"https:\/\/www.dmsjuridica.com\/buscador_20179478954\/corteconstitucionalcronologico202454587\/t-012-08\/\" class=\"_self pt-cv-readmore btn btn-success\" target=\"_self\">Ver Sentencia Completa...<\/a><\/div><\/div><\/div><\/div>\n<div class=\"col-md-12 col-sm-12 col-xs-12 pt-cv-content-item pt-cv-1-col\" ><div class='pt-cv-ifield'><a href=\"https:\/\/www.dmsjuridica.com\/buscador_20179478954\/corteconstitucionalcronologico202454587\/t-011-08\/\" class=\"_self pt-cv-href-thumbnail pt-cv-thumb-default\" target=\"_self\" ><\/a>\n<div class=\"pt-cv-taxoterm above_title\"><a href='https:\/\/www.dmsjuridica.com\/buscador_20179478954\/corteconstitucionalcronologico202454587\/category\/buscar-en-toda-la-corte\/2008\/tutelas-2008\/' title='Tutelas 2008' class='pt-cv-tax-tutelas-2008'>Tutelas 2008<\/a><\/div>\n<h4 class=\"pt-cv-title\"><a href=\"https:\/\/www.dmsjuridica.com\/buscador_20179478954\/corteconstitucionalcronologico202454587\/t-011-08\/\" class=\"_self\" target=\"_self\" >T-011-08<\/a><\/h4>\n<div class=\"pt-cv-content\">\u00a0 \u00a0 Sentencia T-011\/08 \u00a0 ACCION DE TUTELA-Improcedencia para reintegro al cargo\/ACCION DE TUTELA-Casos excepcionales de reintegro al cargo \u00a0 PRINCIPIO DE CONTINUIDAD EN EL SERVICIO PUBLICO DE SALUD-Finalidad \u00a0 PRINCIPIO DE CONTINUIDAD EN EL SERVICIO PUBLICO DE SALUD-La terminaci\u00f3n del contrato de trabajo no faculta a la EPS para suspender inmediatamente los servicios del afiliado\u00a0 \u00a0 La garant\u00eda de la continuidad en los servicios de salud no puede estar sujeta a una relaci\u00f3n laboral sobre todo si a la persona que se le ha desvinculado laboralmente se le viene llevando a cabo un tratamiento con el fin de tratar ...<br \/><div class=\"pt-cv-rmwrap\"><a href=\"https:\/\/www.dmsjuridica.com\/buscador_20179478954\/corteconstitucionalcronologico202454587\/t-011-08\/\" class=\"_self pt-cv-readmore btn btn-success\" target=\"_self\">Ver Sentencia Completa...<\/a><\/div><\/div><\/div><\/div>\n<div class=\"col-md-12 col-sm-12 col-xs-12 pt-cv-content-item pt-cv-1-col\" ><div class='pt-cv-ifield'><a href=\"https:\/\/www.dmsjuridica.com\/buscador_20179478954\/corteconstitucionalcronologico202454587\/t-010-08\/\" class=\"_self pt-cv-href-thumbnail pt-cv-thumb-default\" target=\"_self\" ><\/a>\n<div class=\"pt-cv-taxoterm above_title\"><a href='https:\/\/www.dmsjuridica.com\/buscador_20179478954\/corteconstitucionalcronologico202454587\/category\/buscar-en-toda-la-corte\/2008\/tutelas-2008\/' title='Tutelas 2008' class='pt-cv-tax-tutelas-2008'>Tutelas 2008<\/a><\/div>\n<h4 class=\"pt-cv-title\"><a href=\"https:\/\/www.dmsjuridica.com\/buscador_20179478954\/corteconstitucionalcronologico202454587\/t-010-08\/\" class=\"_self\" target=\"_self\" >T-010-08<\/a><\/h4>\n<div class=\"pt-cv-content\">\u00a0 \u00a0 Sentencia T-010\/08 \u00a0 ACTO ADMINISTRATIVO-Motivaci\u00f3n \u00a0 ACTO ADMINISTRATIVO-L\u00ednea jurisprudencial sobre la motivaci\u00f3n de la desvinculaci\u00f3n de funcionario que ejerce en provisionalidad cargo de carrera administrativa \u00a0 ACTO ADMINISTRATIVO-Motivaci\u00f3n de la desvinculaci\u00f3n de funcionario que ejerce en provisionalidad cargo de carrera administrativa cuando son consecuencia de procesos de reestructuraci\u00f3n \u00a0 ACCION DE TUTELA-L\u00ednea jurisprudencial respecto a la procedencia para solicitar motivaci\u00f3n del acto de desvinculaci\u00f3n del cargo \u00a0 ACCION DE TUTELA-Improcedencia para el reintegro y la indemnizaci\u00f3n de perjuicios causados por la no motivaci\u00f3n del acto de desvinculaci\u00f3n del cargo salvo perjuicio irremediable \u00a0 ACCION DE TUTELA-Improcedencia por cuanto ...<br \/><div class=\"pt-cv-rmwrap\"><a href=\"https:\/\/www.dmsjuridica.com\/buscador_20179478954\/corteconstitucionalcronologico202454587\/t-010-08\/\" class=\"_self pt-cv-readmore btn btn-success\" target=\"_self\">Ver Sentencia Completa...<\/a><\/div><\/div><\/div><\/div>\n<div class=\"col-md-12 col-sm-12 col-xs-12 pt-cv-content-item pt-cv-1-col\" ><div class='pt-cv-ifield'><a href=\"https:\/\/www.dmsjuridica.com\/buscador_20179478954\/corteconstitucionalcronologico202454587\/t-009-08\/\" class=\"_self pt-cv-href-thumbnail pt-cv-thumb-default\" target=\"_self\" ><\/a>\n<div class=\"pt-cv-taxoterm above_title\"><a href='https:\/\/www.dmsjuridica.com\/buscador_20179478954\/corteconstitucionalcronologico202454587\/category\/buscar-en-toda-la-corte\/2008\/tutelas-2008\/' title='Tutelas 2008' class='pt-cv-tax-tutelas-2008'>Tutelas 2008<\/a><\/div>\n<h4 class=\"pt-cv-title\"><a href=\"https:\/\/www.dmsjuridica.com\/buscador_20179478954\/corteconstitucionalcronologico202454587\/t-009-08\/\" class=\"_self\" target=\"_self\" >T-009-08<\/a><\/h4>\n<div class=\"pt-cv-content\">\u00a0 \u00a0 Sentencia T-009\/08 \u00a0 ACCION DE TUTELA-Improcedencia general para reintegro laboral\/ACCION DE TUTELA TRANSITORIA-Procedencia excepcional para reintegro laboral cuando se verifica la existencia de un perjuicio irremediable \u00a0 PERJUICIO IRREMEDIABLE-Elementos \u00a0 DERECHOS ADQUIRIDOS-Concepto \u00a0 DERECHOS ADQUIRIDOS Y MERAS EXPECTATIVAS-Diferencias \u00a0 ACCION DE TUTELA Y PROTECCION A PREPENSIONADOS \u00a0 LEY 790 DE 2002-Cre\u00f3 un l\u00edmite de estabilidad laboral para madres y padres cabeza de familia, discapacitados y prepensionados \u00a0 LEY 790 DE 2002-Cre\u00f3 a favor de los prepensionados un r\u00e9gimen de transici\u00f3n para evitar su desvinculaci\u00f3n debido a la proximidad de la adquisici\u00f3n del derecho\u00a0 \u00a0 Puede afirmarse que las ...<br \/><div class=\"pt-cv-rmwrap\"><a href=\"https:\/\/www.dmsjuridica.com\/buscador_20179478954\/corteconstitucionalcronologico202454587\/t-009-08\/\" class=\"_self pt-cv-readmore btn btn-success\" target=\"_self\">Ver Sentencia Completa...<\/a><\/div><\/div><\/div><\/div>\n<div class=\"col-md-12 col-sm-12 col-xs-12 pt-cv-content-item pt-cv-1-col\" ><div class='pt-cv-ifield'><a href=\"https:\/\/www.dmsjuridica.com\/buscador_20179478954\/corteconstitucionalcronologico202454587\/t-008-08\/\" class=\"_self pt-cv-href-thumbnail pt-cv-thumb-default\" target=\"_self\" ><\/a>\n<div class=\"pt-cv-taxoterm above_title\"><a href='https:\/\/www.dmsjuridica.com\/buscador_20179478954\/corteconstitucionalcronologico202454587\/category\/buscar-en-toda-la-corte\/2008\/tutelas-2008\/' title='Tutelas 2008' class='pt-cv-tax-tutelas-2008'>Tutelas 2008<\/a><\/div>\n<h4 class=\"pt-cv-title\"><a href=\"https:\/\/www.dmsjuridica.com\/buscador_20179478954\/corteconstitucionalcronologico202454587\/t-008-08\/\" class=\"_self\" target=\"_self\" >T-008-08<\/a><\/h4>\n<div class=\"pt-cv-content\">\u00a0 \u00a0 Sentencia T-008\/08 \u00a0 DERECHO AL MINIMO VITAL-Casos en que se presume afectaci\u00f3n \u00a0 DERECHO AL MINIMO VITAL DEL PENSIONADO-No se vulner\u00f3 por cuanto aparece probado que solamente se le dej\u00f3 de pagar un mes la mesada pensional\/ACCION DE TUTELA-Improcedencia por cuanto no se afect\u00f3 el m\u00ednimo vital del pensionado\u00a0 \u00a0 Esta Sala de Revisi\u00f3n entiende que ha existido un incumplimiento de la mesada pensional del mes de abril y esa es la \u00fanica prueba que reposa en el expediente. De ese modo, s\u00f3lo aparece probado el incumplimiento por el mes de abril, y no por los meses siguientes ...<br \/><div class=\"pt-cv-rmwrap\"><a href=\"https:\/\/www.dmsjuridica.com\/buscador_20179478954\/corteconstitucionalcronologico202454587\/t-008-08\/\" class=\"_self pt-cv-readmore btn btn-success\" target=\"_self\">Ver Sentencia Completa...<\/a><\/div><\/div><\/div><\/div>\n<div class=\"col-md-12 col-sm-12 col-xs-12 pt-cv-content-item pt-cv-1-col\" ><div class='pt-cv-ifield'><a href=\"https:\/\/www.dmsjuridica.com\/buscador_20179478954\/corteconstitucionalcronologico202454587\/t-007-08\/\" class=\"_self pt-cv-href-thumbnail pt-cv-thumb-default\" target=\"_self\" ><\/a>\n<div class=\"pt-cv-taxoterm above_title\"><a href='https:\/\/www.dmsjuridica.com\/buscador_20179478954\/corteconstitucionalcronologico202454587\/category\/buscar-en-toda-la-corte\/2008\/tutelas-2008\/' title='Tutelas 2008' class='pt-cv-tax-tutelas-2008'>Tutelas 2008<\/a><\/div>\n<h4 class=\"pt-cv-title\"><a href=\"https:\/\/www.dmsjuridica.com\/buscador_20179478954\/corteconstitucionalcronologico202454587\/t-007-08\/\" class=\"_self\" target=\"_self\" >T-007-08<\/a><\/h4>\n<div class=\"pt-cv-content\">\u00a0 \u00a0 Sentencia T-007\/08 \u00a0 MEDIO DE DEFENSA JUDICIAL IDONEO-Elementos \u00a0 ACCION DE TUTELA CONTRA ACTO ADMINISTRATIVO-Procedencia excepcional \u00a0 ACTO ADMINISTRATIVO DE DESVINCULACION-Ausencia de motivaci\u00f3n \u00a0 ACCIONES CONTENCIOSAS-No son el mecanismo id\u00f3neo para lograr que la Universidad motive el acto administrativo de desvinculaci\u00f3n\u00a0 \u00a0 Ante la ausencia de motivaci\u00f3n del acto administrativo de desvinculaci\u00f3n, y con el prop\u00f3sito de asegurar la protecci\u00f3n del debido proceso que invoca el demandante desde una perspectiva material y no formal, lo cierto es que las acciones contenciosas no resultan id\u00f3neas para lograr que la Administraci\u00f3n, - y en este caso la Universidad -, motiven ...<br \/><div class=\"pt-cv-rmwrap\"><a href=\"https:\/\/www.dmsjuridica.com\/buscador_20179478954\/corteconstitucionalcronologico202454587\/t-007-08\/\" class=\"_self pt-cv-readmore btn btn-success\" target=\"_self\">Ver Sentencia Completa...<\/a><\/div><\/div><\/div><\/div>\n<div class=\"col-md-12 col-sm-12 col-xs-12 pt-cv-content-item pt-cv-1-col\" ><div class='pt-cv-ifield'><a href=\"https:\/\/www.dmsjuridica.com\/buscador_20179478954\/corteconstitucionalcronologico202454587\/t-006-08\/\" class=\"_self pt-cv-href-thumbnail pt-cv-thumb-default\" target=\"_self\" ><\/a>\n<div class=\"pt-cv-taxoterm above_title\"><a href='https:\/\/www.dmsjuridica.com\/buscador_20179478954\/corteconstitucionalcronologico202454587\/category\/buscar-en-toda-la-corte\/2008\/tutelas-2008\/' title='Tutelas 2008' class='pt-cv-tax-tutelas-2008'>Tutelas 2008<\/a><\/div>\n<h4 class=\"pt-cv-title\"><a href=\"https:\/\/www.dmsjuridica.com\/buscador_20179478954\/corteconstitucionalcronologico202454587\/t-006-08\/\" class=\"_self\" target=\"_self\" >T-006-08<\/a><\/h4>\n<div class=\"pt-cv-content\">\u00a0 \u00a0 Sentencia T-006\/08 \u00a0 (Enero 15) \u00a0 MINORIAS DISCRETAS U OCULTAS-Concepto \u00a0 MINORIAS DISCRETAS U OCULTAS-Trato diferenciado \u00a0 PERSONAS SORDAS Y SORDOCIEGAS-Derecho a utilizar el lenguaje de se\u00f1as para satisfacer sus derechos fundamentales\u00a0 \u00a0 En el caso de las personas sordas que no desarrollaron el lenguaje oral, el lenguaje de se\u00f1as se convierte en su lengua materna y, por ende, en una forma de comunicaci\u00f3n legalmente protegida, que tiene una clara relevancia constitucional cuando se trata del acceso de las personas sordas y sordociegas a sus derechos fundamentales.\u00a0 \u00a0 LEY 982 DE 2005-Establece normas tendientes a la equiparaci\u00f3n de ...<br \/><div class=\"pt-cv-rmwrap\"><a href=\"https:\/\/www.dmsjuridica.com\/buscador_20179478954\/corteconstitucionalcronologico202454587\/t-006-08\/\" class=\"_self pt-cv-readmore btn btn-success\" target=\"_self\">Ver Sentencia Completa...<\/a><\/div><\/div><\/div><\/div>\n<div class=\"col-md-12 col-sm-12 col-xs-12 pt-cv-content-item pt-cv-1-col\" ><div class='pt-cv-ifield'><a href=\"https:\/\/www.dmsjuridica.com\/buscador_20179478954\/corteconstitucionalcronologico202454587\/t-005-08\/\" class=\"_self pt-cv-href-thumbnail pt-cv-thumb-default\" target=\"_self\" ><\/a>\n<div class=\"pt-cv-taxoterm above_title\"><a href='https:\/\/www.dmsjuridica.com\/buscador_20179478954\/corteconstitucionalcronologico202454587\/category\/buscar-en-toda-la-corte\/2008\/tutelas-2008\/' title='Tutelas 2008' class='pt-cv-tax-tutelas-2008'>Tutelas 2008<\/a><\/div>\n<h4 class=\"pt-cv-title\"><a href=\"https:\/\/www.dmsjuridica.com\/buscador_20179478954\/corteconstitucionalcronologico202454587\/t-005-08\/\" class=\"_self\" target=\"_self\" >T-005-08<\/a><\/h4>\n<div class=\"pt-cv-content\">\u00a0 \u00a0 Sentencia T-005\/08 \u00a0 (Enero 15) \u00a0 ACCION DE TUTELA-Procedencia excepcional respecto de controversias surgidas por la cobertura del POS \u00a0 INAPLICACION DE NORMAS DEL PLAN OBLIGATORIO DE SALUD-Requisitos para acceder a tratamientos y medicamentos excluidos del POS \u00a0 ACCION DE TUTELA-Improcedencia por cuanto el actor cuenta con capacidad econ\u00f3mica para cubrir los costos del examen de test de alergias respiratorias que est\u00e1 fuera del POS \u00a0 El accionante no certifica una incapacidad econ\u00f3mica manifiesta que le impida asumir los costos del examen requerido o de los medicamentos que del diagn\u00f3stico se llegaran a prescribir. Esta Sala considera que ...<br \/><div class=\"pt-cv-rmwrap\"><a href=\"https:\/\/www.dmsjuridica.com\/buscador_20179478954\/corteconstitucionalcronologico202454587\/t-005-08\/\" class=\"_self pt-cv-readmore btn btn-success\" target=\"_self\">Ver Sentencia Completa...<\/a><\/div><\/div><\/div><\/div>\n<div class=\"col-md-12 col-sm-12 col-xs-12 pt-cv-content-item pt-cv-1-col\" ><div class='pt-cv-ifield'><a href=\"https:\/\/www.dmsjuridica.com\/buscador_20179478954\/corteconstitucionalcronologico202454587\/t-004-08\/\" class=\"_self pt-cv-href-thumbnail pt-cv-thumb-default\" target=\"_self\" ><\/a>\n<div class=\"pt-cv-taxoterm above_title\"><a href='https:\/\/www.dmsjuridica.com\/buscador_20179478954\/corteconstitucionalcronologico202454587\/category\/buscar-en-toda-la-corte\/2008\/tutelas-2008\/' title='Tutelas 2008' class='pt-cv-tax-tutelas-2008'>Tutelas 2008<\/a><\/div>\n<h4 class=\"pt-cv-title\"><a href=\"https:\/\/www.dmsjuridica.com\/buscador_20179478954\/corteconstitucionalcronologico202454587\/t-004-08\/\" class=\"_self\" target=\"_self\" >T-004-08<\/a><\/h4>\n<div class=\"pt-cv-content\">(Enero 15) \u00a0 DERECHO A LA SALUD-Fundamental por conexidad con la vida \u00a0 INAPLICACION DE NORMAS DEL PLAN OBLIGATORIO DE SALUD-Requisitos para acceder a tratamientos y medicamentos excluidos del POS \u00a0 ACCION DE TUTELA-Procede excepcionalmente en aquellos casos en que la falta de tratamientos de ortodoncia afecta la salud, la vida en condiciones dignas y la integridad del paciente \u00a0 DERECHO A LA SALUD E INTEGRIDAD PERSONAL-Cirug\u00eda ortogn\u00e1tica que requiere la paciente no tiene fines est\u00e9ticos, sino que compromete su funci\u00f3n de masticaci\u00f3n e ingesti\u00f3n de alimentos\u00a0 \u00a0 El procedimiento quir\u00fargico que solicita la peticionaria, en principio, est\u00e1 previsto en ...<br \/><div class=\"pt-cv-rmwrap\"><a href=\"https:\/\/www.dmsjuridica.com\/buscador_20179478954\/corteconstitucionalcronologico202454587\/t-004-08\/\" class=\"_self pt-cv-readmore btn btn-success\" target=\"_self\">Ver Sentencia Completa...<\/a><\/div><\/div><\/div><\/div>\n<div class=\"col-md-12 col-sm-12 col-xs-12 pt-cv-content-item pt-cv-1-col\" ><div class='pt-cv-ifield'><a href=\"https:\/\/www.dmsjuridica.com\/buscador_20179478954\/corteconstitucionalcronologico202454587\/t-003-08\/\" class=\"_self pt-cv-href-thumbnail pt-cv-thumb-default\" target=\"_self\" ><\/a>\n<div class=\"pt-cv-taxoterm above_title\"><a href='https:\/\/www.dmsjuridica.com\/buscador_20179478954\/corteconstitucionalcronologico202454587\/category\/buscar-en-toda-la-corte\/2008\/tutelas-2008\/' title='Tutelas 2008' class='pt-cv-tax-tutelas-2008'>Tutelas 2008<\/a><\/div>\n<h4 class=\"pt-cv-title\"><a href=\"https:\/\/www.dmsjuridica.com\/buscador_20179478954\/corteconstitucionalcronologico202454587\/t-003-08\/\" class=\"_self\" target=\"_self\" >T-003-08<\/a><\/h4>\n<div class=\"pt-cv-content\">\u00a0 \u00a0 SENTENCIA T-003\/08 \u00a0 (Enero 15) \u00a0 MUJER TRABAJADORA EMBARAZADA-Protecci\u00f3n constitucional especial \u00a0 DERECHO A LA ESTABILIDAD LABORAL REFORZADA DE MUJER EMBARAZADA-Se extiende a mujeres vinculadas por contratos por t\u00e9rmino de la obra o labor contratada \u00a0 MUJER TRABAJADORA EMBARAZADA-La causa de la terminaci\u00f3n del contrato de obra o labor fue el embarazo de la actora \u00a0 DERECHO A LA ESTABILIDAD LABORAL REFORZADA DE MUJER EMBARAZADA-Reintegro al cargo que ven\u00eda desempe\u00f1ando la actora \u00a0 Referencia: expediente T-1688985 \u00a0 Accionante: Viviana Lorena Giraldo Ricaurte. \u00a0 Accionado: \u00a0Justine S.A. y Humano\u2019s Servicios Ocasionales Ltda. \u00a0 Fallo de tutela objeto de revisi\u00f3n: ...<br \/><div class=\"pt-cv-rmwrap\"><a href=\"https:\/\/www.dmsjuridica.com\/buscador_20179478954\/corteconstitucionalcronologico202454587\/t-003-08\/\" class=\"_self pt-cv-readmore btn btn-success\" target=\"_self\">Ver Sentencia Completa...<\/a><\/div><\/div><\/div><\/div>\n<div class=\"col-md-12 col-sm-12 col-xs-12 pt-cv-content-item pt-cv-1-col\" ><div class='pt-cv-ifield'><a href=\"https:\/\/www.dmsjuridica.com\/buscador_20179478954\/corteconstitucionalcronologico202454587\/t-002-08\/\" class=\"_self pt-cv-href-thumbnail pt-cv-thumb-default\" target=\"_self\" ><\/a>\n<div class=\"pt-cv-taxoterm above_title\"><a href='https:\/\/www.dmsjuridica.com\/buscador_20179478954\/corteconstitucionalcronologico202454587\/category\/buscar-en-toda-la-corte\/2008\/tutelas-2008\/' title='Tutelas 2008' class='pt-cv-tax-tutelas-2008'>Tutelas 2008<\/a><\/div>\n<h4 class=\"pt-cv-title\"><a href=\"https:\/\/www.dmsjuridica.com\/buscador_20179478954\/corteconstitucionalcronologico202454587\/t-002-08\/\" class=\"_self\" target=\"_self\" >T-002-08<\/a><\/h4>\n<div class=\"pt-cv-content\">\u00a0 \u00a0 Sentencia T-002\/08 \u00a0 DERECHO A LA SALUD Y A LA VIDA DEL MENOR-Solicitud a la EPS del estudio y pr\u00e1ctica urgente de pretrasplante renal\/ACCION DE TUTELA-Hecho superado por cuanto el trasplante renal requerido con urgencia ya fue realizado con cargo a los recursos de la EPS \u00a0 DERECHOS FUNDAMENTALES DEL NI\u00d1O-Independientes y aut\u00f3nomos\/DERECHOS FUNDAMENTALES DEL NI\u00d1O-Prevalencia \u00a0 Referencia: expediente T-1.709.067 \u00a0 Accionante:\u00a0 \u00a0 Mar\u00eda Nelcy Mu\u00f1oz en representaci\u00f3n de su hijo John Edier Benavides Mu\u00f1oz \u00a0 Demandado:\u00a0 \u00a0 Magistrado Ponente:\u00a0 \u00a0 Dr. RODRIGO ESCOBAR GIL \u00a0 Bogot\u00e1, D.C., catorce (14) de enero de dos mil ocho (2008). \u00a0 ...<br \/><div class=\"pt-cv-rmwrap\"><a href=\"https:\/\/www.dmsjuridica.com\/buscador_20179478954\/corteconstitucionalcronologico202454587\/t-002-08\/\" class=\"_self pt-cv-readmore btn btn-success\" target=\"_self\">Ver Sentencia Completa...<\/a><\/div><\/div><\/div><\/div>\n<div class=\"col-md-12 col-sm-12 col-xs-12 pt-cv-content-item pt-cv-1-col\" ><div class='pt-cv-ifield'><a href=\"https:\/\/www.dmsjuridica.com\/buscador_20179478954\/corteconstitucionalcronologico202454587\/t-001-08\/\" class=\"_self pt-cv-href-thumbnail pt-cv-thumb-default\" target=\"_self\" ><\/a>\n<div class=\"pt-cv-taxoterm above_title\"><a href='https:\/\/www.dmsjuridica.com\/buscador_20179478954\/corteconstitucionalcronologico202454587\/category\/buscar-en-toda-la-corte\/2008\/tutelas-2008\/' title='Tutelas 2008' class='pt-cv-tax-tutelas-2008'>Tutelas 2008<\/a><\/div>\n<h4 class=\"pt-cv-title\"><a href=\"https:\/\/www.dmsjuridica.com\/buscador_20179478954\/corteconstitucionalcronologico202454587\/t-001-08\/\" class=\"_self\" target=\"_self\" >T-001-08<\/a><\/h4>\n<div class=\"pt-cv-content\">\u00a0 \u00a0 Sentencia T-001\/08\u00a0 \u00a0 DERECHO A LA SEGURIDAD SOCIAL EN SALUD-Alcance \u00a0 DERECHO A LA SALUD-Fundamental por conexidad\/DERECHO A LA SALUD-Fundamental aut\u00f3nomo \u00a0 INAPLICACION DE NORMAS DEL PLAN OBLIGATORIO DE SALUD-Requisitos para acceder a tratamientos y medicamentos excluidos del POS \u00a0 DERECHO A LA SALUD-Suministro de medicamento excluido del POS y repetici\u00f3n contra el Fosyga \u00a0 Referencia: expediente T-1.691.148. \u00a0 Peticionario: Jos\u00e9 Helder Henao Bland\u00f3n. \u00a0 Demandado: E.P.S. Comfenalco \u00a0 Magistrado Ponente:\u00a0 \u00a0 Dr. RODRIGO ESCOBAR GIL \u00a0 Bogot\u00e1 D.C., catorce (14) de enero de dos mil ocho (2008). \u00a0 SENTENCIA \u00a0 En el proceso de revisi\u00f3n del fallo ...<br \/><div class=\"pt-cv-rmwrap\"><a href=\"https:\/\/www.dmsjuridica.com\/buscador_20179478954\/corteconstitucionalcronologico202454587\/t-001-08\/\" class=\"_self pt-cv-readmore btn btn-success\" target=\"_self\">Ver Sentencia Completa...<\/a><\/div><\/div><\/div><\/div><\/div><\/div><\/div>\n","protected":false},"excerpt":{"rendered":"","protected":false},"author":1,"featured_media":0,"parent":0,"menu_order":0,"comment_status":"closed","ping_status":"closed","template":"","meta":{"footnotes":""},"class_list":["post-29598","page","type-page","status-publish","hentry"],"_links":{"self":[{"href":"https:\/\/www.dmsjuridica.com\/buscador_20179478954\/corteconstitucionalcronologico202454587\/wp-json\/wp\/v2\/pages\/29598","targetHints":{"allow":["GET"]}}],"collection":[{"href":"https:\/\/www.dmsjuridica.com\/buscador_20179478954\/corteconstitucionalcronologico202454587\/wp-json\/wp\/v2\/pages"}],"about":[{"href":"https:\/\/www.dmsjuridica.com\/buscador_20179478954\/corteconstitucionalcronologico202454587\/wp-json\/wp\/v2\/types\/page"}],"author":[{"embeddable":true,"href":"https:\/\/www.dmsjuridica.com\/buscador_20179478954\/corteconstitucionalcronologico202454587\/wp-json\/wp\/v2\/users\/1"}],"replies":[{"embeddable":true,"href":"https:\/\/www.dmsjuridica.com\/buscador_20179478954\/corteconstitucionalcronologico202454587\/wp-json\/wp\/v2\/comments?post=29598"}],"version-history":[{"count":2,"href":"https:\/\/www.dmsjuridica.com\/buscador_20179478954\/corteconstitucionalcronologico202454587\/wp-json\/wp\/v2\/pages\/29598\/revisions"}],"predecessor-version":[{"id":31410,"href":"https:\/\/www.dmsjuridica.com\/buscador_20179478954\/corteconstitucionalcronologico202454587\/wp-json\/wp\/v2\/pages\/29598\/revisions\/31410"}],"wp:attachment":[{"href":"https:\/\/www.dmsjuridica.com\/buscador_20179478954\/corteconstitucionalcronologico202454587\/wp-json\/wp\/v2\/media?parent=29598"}],"curies":[{"name":"wp","href":"https:\/\/api.w.org\/{rel}","templated":true}]}}