{"id":29606,"date":"2024-07-12T11:43:57","date_gmt":"2024-07-12T16:43:57","guid":{"rendered":"https:\/\/www.dmsjuridica.com\/buscador_20179478954\/corteconstitucionalcronologico202454587\/?page_id=29606"},"modified":"2025-11-27T11:43:26","modified_gmt":"2025-11-27T16:43:26","slug":"tutelas-2012","status":"publish","type":"page","link":"https:\/\/www.dmsjuridica.com\/buscador_20179478954\/corteconstitucionalcronologico202454587\/tutelas-2012\/","title":{"rendered":"Tutelas 2012"},"content":{"rendered":"<div class=\"pt-cv-wrapper\"><div class=\"pt-cv-view pt-cv-grid pt-cv-colsys\" id=\"pt-cv-view-0beb46ayk2\"><div data-id=\"pt-cv-page-1\" class=\"pt-cv-page\" data-cvc=\"1\"><div class=\"col-md-12 col-sm-12 col-xs-12 pt-cv-content-item pt-cv-1-col\" ><div class='pt-cv-ifield'><a href=\"https:\/\/www.dmsjuridica.com\/buscador_20179478954\/corteconstitucionalcronologico202454587\/t-999-12\/\" class=\"_self pt-cv-href-thumbnail pt-cv-thumb-default\" target=\"_self\" ><\/a>\n<div class=\"pt-cv-taxoterm above_title\"><a href='https:\/\/www.dmsjuridica.com\/buscador_20179478954\/corteconstitucionalcronologico202454587\/category\/buscar-en-toda-la-corte\/2012\/tutelas-2012\/' title='Tutelas 2012' class='pt-cv-tax-tutelas-2012'>Tutelas 2012<\/a><\/div>\n<h4 class=\"pt-cv-title\"><a href=\"https:\/\/www.dmsjuridica.com\/buscador_20179478954\/corteconstitucionalcronologico202454587\/t-999-12\/\" class=\"_self\" target=\"_self\" >T-999-12<\/a><\/h4>\n<div class=\"pt-cv-content\">\u00a0 \u00a0 Sentencia T-999\/12 \u00a0 ACCION DE TUTELA DE PERSONA DESPLAZADA CONTRA BANCO AGRARIO-Caso de quien afirma ser beneficiaria de ayudas humanitarias en raz\u00f3n a su condici\u00f3n de desplazada y que \u00e9stas no le hab\u00edan sido entregadas debido a que no cuenta con c\u00e9dula de ciudadan\u00eda\u00a0 \u00a0 Esta Corporaci\u00f3n ha se\u00f1alado que la acci\u00f3n de tutela es el mecanismo id\u00f3neo para garantizar la protecci\u00f3n de sus derechos fundamentales cuando estos se vean vulnerados o amenazados. El reconocimiento por este medio de prestaciones econ\u00f3micas como las ayudas humanitarias, exige acreditar, aunque sea sumariamente, los requisitos que configuran la acreencia. Dentro de ...<br \/><div class=\"pt-cv-rmwrap\"><a href=\"https:\/\/www.dmsjuridica.com\/buscador_20179478954\/corteconstitucionalcronologico202454587\/t-999-12\/\" class=\"_self pt-cv-readmore btn btn-success\" target=\"_self\">Ver Sentencia Completa...<\/a><\/div><\/div><\/div><\/div>\n<div class=\"col-md-12 col-sm-12 col-xs-12 pt-cv-content-item pt-cv-1-col\" ><div class='pt-cv-ifield'><a href=\"https:\/\/www.dmsjuridica.com\/buscador_20179478954\/corteconstitucionalcronologico202454587\/t-998-12\/\" class=\"_self pt-cv-href-thumbnail pt-cv-thumb-default\" target=\"_self\" ><\/a>\n<div class=\"pt-cv-taxoterm above_title\"><a href='https:\/\/www.dmsjuridica.com\/buscador_20179478954\/corteconstitucionalcronologico202454587\/category\/buscar-en-toda-la-corte\/2012\/tutelas-2012\/' title='Tutelas 2012' class='pt-cv-tax-tutelas-2012'>Tutelas 2012<\/a><\/div>\n<h4 class=\"pt-cv-title\"><a href=\"https:\/\/www.dmsjuridica.com\/buscador_20179478954\/corteconstitucionalcronologico202454587\/t-998-12\/\" class=\"_self\" target=\"_self\" >T-998-12<\/a><\/h4>\n<div class=\"pt-cv-content\">\u00a0 \u00a0 Sentencia T-998\/12\u00a0 \u00a0 ACCION DE TUTELA PARA ORDENAR RECONOCIMIENTO Y PAGO DE LA PENSION DE INVALIDEZ-Caso de un grupo de personas que fueron calificadas con un porcentaje de p\u00e9rdida de capacidad laboral mayor al cincuenta por ciento (50%) les negaron el reconocimiento de la pensi\u00f3n de invalidez\u00a0 \u00a0 ACCION DE TUTELA PARA ORDENAR RECONOCIMIENTO Y PAGO DE LA PENSION DE INVALIDEZ-Procedencia excepcional \u00a0 ACCION DE TUTELA PARA RECONOCIMIENTO Y PAGO DE LA PENSION-Inaplicaci\u00f3n del requisito de inmediatez\u00a0 \u00a0 La jurisprudencia constitucional ha interpretado que la acci\u00f3n de tutela debe ejercerse dentro de un t\u00e9rmino razonable, circunstancia que debe ...<br \/><div class=\"pt-cv-rmwrap\"><a href=\"https:\/\/www.dmsjuridica.com\/buscador_20179478954\/corteconstitucionalcronologico202454587\/t-998-12\/\" class=\"_self pt-cv-readmore btn btn-success\" target=\"_self\">Ver Sentencia Completa...<\/a><\/div><\/div><\/div><\/div>\n<div class=\"col-md-12 col-sm-12 col-xs-12 pt-cv-content-item pt-cv-1-col\" ><div class='pt-cv-ifield'><a href=\"https:\/\/www.dmsjuridica.com\/buscador_20179478954\/corteconstitucionalcronologico202454587\/t-997-12\/\" class=\"_self pt-cv-href-thumbnail pt-cv-thumb-default\" target=\"_self\" ><\/a>\n<div class=\"pt-cv-taxoterm above_title\"><a href='https:\/\/www.dmsjuridica.com\/buscador_20179478954\/corteconstitucionalcronologico202454587\/category\/buscar-en-toda-la-corte\/2012\/tutelas-2012\/' title='Tutelas 2012' class='pt-cv-tax-tutelas-2012'>Tutelas 2012<\/a><\/div>\n<h4 class=\"pt-cv-title\"><a href=\"https:\/\/www.dmsjuridica.com\/buscador_20179478954\/corteconstitucionalcronologico202454587\/t-997-12\/\" class=\"_self\" target=\"_self\" >T-997-12<\/a><\/h4>\n<div class=\"pt-cv-content\">\u00a0 \u00a0 Sentencia T-997\/12 \u00a0 ACCION DE TUTELA CONTRA ESTABLECIMIENTO EDUCATIVO-Caso en que entidad educativa niega a un estudiante la entrega de los certificados escolares o el diploma de bachiller porque sus padres o acudientes se atrasaron en el pago de las mensualidades escolares\u00a0 \u00a0 DERECHO A LA EDUCACION-Expedici\u00f3n certificado de estudios\/DERECHO A LA EDUCACION-Prohibici\u00f3n retenci\u00f3n de notas o certificados por no pago de pensi\u00f3n \u00a0 Cuando en sede de tutela se presenta un conflicto entre el derecho a la educaci\u00f3n y el derecho de las instituciones educativas a recibir la remuneraci\u00f3n pactada, debe primar la protecci\u00f3n del derecho a ...<br \/><div class=\"pt-cv-rmwrap\"><a href=\"https:\/\/www.dmsjuridica.com\/buscador_20179478954\/corteconstitucionalcronologico202454587\/t-997-12\/\" class=\"_self pt-cv-readmore btn btn-success\" target=\"_self\">Ver Sentencia Completa...<\/a><\/div><\/div><\/div><\/div>\n<div class=\"col-md-12 col-sm-12 col-xs-12 pt-cv-content-item pt-cv-1-col\" ><div class='pt-cv-ifield'><a href=\"https:\/\/www.dmsjuridica.com\/buscador_20179478954\/corteconstitucionalcronologico202454587\/t-996-12\/\" class=\"_self pt-cv-href-thumbnail pt-cv-thumb-default\" target=\"_self\" ><\/a>\n<div class=\"pt-cv-taxoterm above_title\"><a href='https:\/\/www.dmsjuridica.com\/buscador_20179478954\/corteconstitucionalcronologico202454587\/category\/buscar-en-toda-la-corte\/2012\/tutelas-2012\/' title='Tutelas 2012' class='pt-cv-tax-tutelas-2012'>Tutelas 2012<\/a><\/div>\n<h4 class=\"pt-cv-title\"><a href=\"https:\/\/www.dmsjuridica.com\/buscador_20179478954\/corteconstitucionalcronologico202454587\/t-996-12\/\" class=\"_self\" target=\"_self\" >T-996-12<\/a><\/h4>\n<div class=\"pt-cv-content\">\u00a0 \u00a0 Sentencia T-996\/12 \u00a0 ACCION DE TUTELA CONTRA PROVIDENCIAS JUDICIALES-Requisitos de procedibilidad\u00a0 \u00a0 En cuanto a las causales de procedibilidad\u00a0generales\u00a0o\u00a0requisitos de procedibilidad, han sido presentados en los siguientes t\u00e9rminos. (a) El tema sujeto a discusi\u00f3n debe ser de evidente relevancia constitucional.\u00a0 (b) Deben haberse agotado todos los medios -ordinarios y extraordinarios- de defensa judicial al alcance de la persona afectada, salvo que se trate de evitar la consumaci\u00f3n de un perjuicio irremediable,\u00a0o que est\u00e9 de por medio un sujeto de especial protecci\u00f3n constitucional que no haya sido bien representado. (c) Debe cumplir el requisito de la inmediatez.\u00a0(d) Si se ...<br \/><div class=\"pt-cv-rmwrap\"><a href=\"https:\/\/www.dmsjuridica.com\/buscador_20179478954\/corteconstitucionalcronologico202454587\/t-996-12\/\" class=\"_self pt-cv-readmore btn btn-success\" target=\"_self\">Ver Sentencia Completa...<\/a><\/div><\/div><\/div><\/div>\n<div class=\"col-md-12 col-sm-12 col-xs-12 pt-cv-content-item pt-cv-1-col\" ><div class='pt-cv-ifield'><a href=\"https:\/\/www.dmsjuridica.com\/buscador_20179478954\/corteconstitucionalcronologico202454587\/t-995-12\/\" class=\"_self pt-cv-href-thumbnail pt-cv-thumb-default\" target=\"_self\" ><\/a>\n<div class=\"pt-cv-taxoterm above_title\"><a href='https:\/\/www.dmsjuridica.com\/buscador_20179478954\/corteconstitucionalcronologico202454587\/category\/buscar-en-toda-la-corte\/2012\/tutelas-2012\/' title='Tutelas 2012' class='pt-cv-tax-tutelas-2012'>Tutelas 2012<\/a><\/div>\n<h4 class=\"pt-cv-title\"><a href=\"https:\/\/www.dmsjuridica.com\/buscador_20179478954\/corteconstitucionalcronologico202454587\/t-995-12\/\" class=\"_self\" target=\"_self\" >T-995-12<\/a><\/h4>\n<div class=\"pt-cv-content\">\u00a0 \u00a0 Sentencia T-995\/12 \u00a0 DERECHO AL BUEN NOMBRE Y HABEAS DATA-Procedencia de la acci\u00f3n de tutela para su protecci\u00f3n \u00a0 La tutela es el \u00fanico mecanismo judicial que actualmente posee un nivel adecuado de eficacia para solucionar controversias asociadas a la eventual violaci\u00f3n al derecho constitucional al h\u00e1beas data, cuando este se asocia al manejo de antecedentes penales en las bases de datos estatales.\u00a0 \u00a0 BASES DE DATOS SOBRE ANTECEDENTES PENALES Y HABEAS DATA-Utilizaci\u00f3n de formato que permite que terceros infieran la existencia de antecedentes penales \u00a0 La divulgaci\u00f3n de los antecedentes penales de los actores a particulares no ...<br \/><div class=\"pt-cv-rmwrap\"><a href=\"https:\/\/www.dmsjuridica.com\/buscador_20179478954\/corteconstitucionalcronologico202454587\/t-995-12\/\" class=\"_self pt-cv-readmore btn btn-success\" target=\"_self\">Ver Sentencia Completa...<\/a><\/div><\/div><\/div><\/div>\n<div class=\"col-md-12 col-sm-12 col-xs-12 pt-cv-content-item pt-cv-1-col\" ><div class='pt-cv-ifield'><a href=\"https:\/\/www.dmsjuridica.com\/buscador_20179478954\/corteconstitucionalcronologico202454587\/t-994-12\/\" class=\"_self pt-cv-href-thumbnail pt-cv-thumb-default\" target=\"_self\" ><\/a>\n<div class=\"pt-cv-taxoterm above_title\"><a href='https:\/\/www.dmsjuridica.com\/buscador_20179478954\/corteconstitucionalcronologico202454587\/category\/buscar-en-toda-la-corte\/2012\/tutelas-2012\/' title='Tutelas 2012' class='pt-cv-tax-tutelas-2012'>Tutelas 2012<\/a><\/div>\n<h4 class=\"pt-cv-title\"><a href=\"https:\/\/www.dmsjuridica.com\/buscador_20179478954\/corteconstitucionalcronologico202454587\/t-994-12\/\" class=\"_self\" target=\"_self\" >T-994-12<\/a><\/h4>\n<div class=\"pt-cv-content\">\u00a0 \u00a0 Sentencia T-994\/12\u00a0 \u00a0 Una aseguradora de riesgos profesionales debe continuar con la prestaci\u00f3n de los servicios\u00a0m\u00e9dico asistenciales, asumidos y ya iniciados, que requiere una persona, cuando \u00e9sta ha sufrido un accidente de trabajo o padece una enfermedad profesional, o presenta secuelas en raz\u00f3n de tales eventos. Este deber se mantiene, incluso, si existe conflicto sobre el origen del riesgo sufrido, pero se tienen indicios de que el hecho que le caus\u00f3 el perjuicio en su salud es de origen laboral. En todo caso, si la entidad considera y prueba que las consecuencias del accidente o enfermedad no deben ...<br \/><div class=\"pt-cv-rmwrap\"><a href=\"https:\/\/www.dmsjuridica.com\/buscador_20179478954\/corteconstitucionalcronologico202454587\/t-994-12\/\" class=\"_self pt-cv-readmore btn btn-success\" target=\"_self\">Ver Sentencia Completa...<\/a><\/div><\/div><\/div><\/div>\n<div class=\"col-md-12 col-sm-12 col-xs-12 pt-cv-content-item pt-cv-1-col\" ><div class='pt-cv-ifield'><a href=\"https:\/\/www.dmsjuridica.com\/buscador_20179478954\/corteconstitucionalcronologico202454587\/t-993-12\/\" class=\"_self pt-cv-href-thumbnail pt-cv-thumb-default\" target=\"_self\" ><\/a>\n<div class=\"pt-cv-taxoterm above_title\"><a href='https:\/\/www.dmsjuridica.com\/buscador_20179478954\/corteconstitucionalcronologico202454587\/category\/buscar-en-toda-la-corte\/2012\/tutelas-2012\/' title='Tutelas 2012' class='pt-cv-tax-tutelas-2012'>Tutelas 2012<\/a><\/div>\n<h4 class=\"pt-cv-title\"><a href=\"https:\/\/www.dmsjuridica.com\/buscador_20179478954\/corteconstitucionalcronologico202454587\/t-993-12\/\" class=\"_self\" target=\"_self\" >T-993-12<\/a><\/h4>\n<div class=\"pt-cv-content\">\u00a0 \u00a0 Sentencia T-993\/12 \u00a0 DERECHO FUNDAMENTAL A LA CONSULTA PREVIA DE COMUNIDADES INDIGENAS Y GRUPOS ETNICOS-Protecci\u00f3n constitucional \u00a0 En cuanto al derecho a la consulta previa de las comunidades \u00e9tnicas, la Corte ha sostenido de manera reiterada que la participaci\u00f3n de las comunidades ind\u00edgenas en las decisiones que las afectan resulta esencial para garantizar la protecci\u00f3n efectiva de su identidad cultural, de su autonom\u00eda y de sus territorios y para garantizar la legitimidad de las medidas adoptadas. \u00a0 EXPEDICION DE LICENCIAS AMBIENTALES Y DERECHO A LA CONSULTA PREVIA\u00a0 \u00a0 El Decreto 1320 de 1998, por el cual se reglamenta ...<br \/><div class=\"pt-cv-rmwrap\"><a href=\"https:\/\/www.dmsjuridica.com\/buscador_20179478954\/corteconstitucionalcronologico202454587\/t-993-12\/\" class=\"_self pt-cv-readmore btn btn-success\" target=\"_self\">Ver Sentencia Completa...<\/a><\/div><\/div><\/div><\/div>\n<div class=\"col-md-12 col-sm-12 col-xs-12 pt-cv-content-item pt-cv-1-col\" ><div class='pt-cv-ifield'><a href=\"https:\/\/www.dmsjuridica.com\/buscador_20179478954\/corteconstitucionalcronologico202454587\/t-992-12\/\" class=\"_self pt-cv-href-thumbnail pt-cv-thumb-default\" target=\"_self\" ><\/a>\n<div class=\"pt-cv-taxoterm above_title\"><a href='https:\/\/www.dmsjuridica.com\/buscador_20179478954\/corteconstitucionalcronologico202454587\/category\/buscar-en-toda-la-corte\/2012\/tutelas-2012\/' title='Tutelas 2012' class='pt-cv-tax-tutelas-2012'>Tutelas 2012<\/a><\/div>\n<h4 class=\"pt-cv-title\"><a href=\"https:\/\/www.dmsjuridica.com\/buscador_20179478954\/corteconstitucionalcronologico202454587\/t-992-12\/\" class=\"_self\" target=\"_self\" >T-992-12<\/a><\/h4>\n<div class=\"pt-cv-content\">\u00a0 \u00a0 \u00a0\u00a0 Sentencia T-992\/12 \u00a0 MADRE CABEZA DE FAMILIA-Presupuestos jurisprudenciales para que una mujer sea considerada como tal \u00a0 MADRE CABEZA DE FAMILIA DE MENOR CON DISCAPACIDAD-Caso de madre cabeza de familia que trabajaba en una entidad p\u00fablica y fue desvinculada como consecuencia de un proceso de reforma de la planta de empleos \u00a0 ESTABILIDAD LABORAL DE MADRE CABEZA DE FAMILIA-Protecci\u00f3n especial a trabajadores en condiciones de debilidad manifiesta\/MADRE CABEZA DE FAMILIA DE MENOR CON DISCAPACIDAD-Orden a la DIAN de restablecer el v\u00ednculo laboral que la accionante ten\u00eda con la entidad \u00a0 Referencia: expediente T-3510728 \u00a0 Acci\u00f3n de tutela ...<br \/><div class=\"pt-cv-rmwrap\"><a href=\"https:\/\/www.dmsjuridica.com\/buscador_20179478954\/corteconstitucionalcronologico202454587\/t-992-12\/\" class=\"_self pt-cv-readmore btn btn-success\" target=\"_self\">Ver Sentencia Completa...<\/a><\/div><\/div><\/div><\/div>\n<div class=\"col-md-12 col-sm-12 col-xs-12 pt-cv-content-item pt-cv-1-col\" ><div class='pt-cv-ifield'><a href=\"https:\/\/www.dmsjuridica.com\/buscador_20179478954\/corteconstitucionalcronologico202454587\/t-991-12\/\" class=\"_self pt-cv-href-thumbnail pt-cv-thumb-default\" target=\"_self\" ><\/a>\n<div class=\"pt-cv-taxoterm above_title\"><a href='https:\/\/www.dmsjuridica.com\/buscador_20179478954\/corteconstitucionalcronologico202454587\/category\/buscar-en-toda-la-corte\/2012\/tutelas-2012\/' title='Tutelas 2012' class='pt-cv-tax-tutelas-2012'>Tutelas 2012<\/a><\/div>\n<h4 class=\"pt-cv-title\"><a href=\"https:\/\/www.dmsjuridica.com\/buscador_20179478954\/corteconstitucionalcronologico202454587\/t-991-12\/\" class=\"_self\" target=\"_self\" >T-991-12<\/a><\/h4>\n<div class=\"pt-cv-content\">\u00a0 \u00a0 Sentencia T-991\/12 \u00a0 DERECHO DE PETICION-Reiteraci\u00f3n de jurisprudencia \u00a0 La jurisprudencia constitucional ha establecido que la respuesta a un derecho de petici\u00f3n debe tener las siguientes caracter\u00edsticas: (i) debe ser oportuna, (ii) debe resolverse de fondo, en forma clara y precisa lo solicitado, lo cual supone que la autoridad competente se pronuncie sobre la materia propia de la solicitud de manera completa, sin evasivas respecto a todos y cada uno de los asuntos planteados, y (iii) debe ser puesta en conocimiento del peticionario. En consecuencia, si no se cumple con estos requisitos se incurre en una vulneraci\u00f3n del ...<br \/><div class=\"pt-cv-rmwrap\"><a href=\"https:\/\/www.dmsjuridica.com\/buscador_20179478954\/corteconstitucionalcronologico202454587\/t-991-12\/\" class=\"_self pt-cv-readmore btn btn-success\" target=\"_self\">Ver Sentencia Completa...<\/a><\/div><\/div><\/div><\/div>\n<div class=\"col-md-12 col-sm-12 col-xs-12 pt-cv-content-item pt-cv-1-col\" ><div class='pt-cv-ifield'><a href=\"https:\/\/www.dmsjuridica.com\/buscador_20179478954\/corteconstitucionalcronologico202454587\/t-990-12\/\" class=\"_self pt-cv-href-thumbnail pt-cv-thumb-default\" target=\"_self\" ><\/a>\n<div class=\"pt-cv-taxoterm above_title\"><a href='https:\/\/www.dmsjuridica.com\/buscador_20179478954\/corteconstitucionalcronologico202454587\/category\/buscar-en-toda-la-corte\/2012\/tutelas-2012\/' title='Tutelas 2012' class='pt-cv-tax-tutelas-2012'>Tutelas 2012<\/a><\/div>\n<h4 class=\"pt-cv-title\"><a href=\"https:\/\/www.dmsjuridica.com\/buscador_20179478954\/corteconstitucionalcronologico202454587\/t-990-12\/\" class=\"_self\" target=\"_self\" >T-990-12<\/a><\/h4>\n<div class=\"pt-cv-content\">\u00a0 \u00a0 Sentencia T-990-12 \u00a0 DERECHO A LA SUSTITUCION PENSIONAL DE ASCENDIENTES-Requisitos \u00a0 ACCION DE TUTELA PARA RECONOCIMIENTO DE PENSION DE SOBREVIVIENTES-Caso en que ISS niega sustituci\u00f3n pensional de mujer de 91 a\u00f1os al no haber acreditado dependencia total y absoluta de su hija fallecida, argumentos que se basan en la exigencia de un requisito declarado inexequible\u00a0 \u00a0 PENSION DE SOBREVIVIENTES Y DERECHO AL MINIMO VITAL DE PERSONA DE LA TERCERA EDAD-Orden al ISS reconozca la pensi\u00f3n de sobrevivientes a que tiene derecho la accionante\u00a0 \u00a0 Referencia: Expediente T-3581778 \u00a0 Acci\u00f3n de tutela presentada por Francy Enith Giraldo de Cubillos, ...<br \/><div class=\"pt-cv-rmwrap\"><a href=\"https:\/\/www.dmsjuridica.com\/buscador_20179478954\/corteconstitucionalcronologico202454587\/t-990-12\/\" class=\"_self pt-cv-readmore btn btn-success\" target=\"_self\">Ver Sentencia Completa...<\/a><\/div><\/div><\/div><\/div>\n<div class=\"col-md-12 col-sm-12 col-xs-12 pt-cv-content-item pt-cv-1-col\" ><div class='pt-cv-ifield'><a href=\"https:\/\/www.dmsjuridica.com\/buscador_20179478954\/corteconstitucionalcronologico202454587\/t-989-12\/\" class=\"_self pt-cv-href-thumbnail pt-cv-thumb-default\" target=\"_self\" ><\/a>\n<div class=\"pt-cv-taxoterm above_title\"><a href='https:\/\/www.dmsjuridica.com\/buscador_20179478954\/corteconstitucionalcronologico202454587\/category\/buscar-en-toda-la-corte\/2012\/tutelas-2012\/' title='Tutelas 2012' class='pt-cv-tax-tutelas-2012'>Tutelas 2012<\/a><\/div>\n<h4 class=\"pt-cv-title\"><a href=\"https:\/\/www.dmsjuridica.com\/buscador_20179478954\/corteconstitucionalcronologico202454587\/t-989-12\/\" class=\"_self\" target=\"_self\" >T-989-12<\/a><\/h4>\n<div class=\"pt-cv-content\">\u00a0 \u00a0 Sentencia T-989\/12\u00a0 \u00a0 DERECHO FUNDAMENTAL A LA SALUD DE NI\u00d1OS Y NI\u00d1AS-Reiteraci\u00f3n de jurisprudencia\/DERECHO A LA SALUD-Asunci\u00f3n por EPS de transporte y estad\u00eda para acceder a servicios de salud de usuarios remitidos a un municipio diferente al de residencia por falta de capacidad econ\u00f3mica \u00a0 El derecho a la salud comprende accesibilidad econ\u00f3mica: esto implica que los usuarios del Sistema de Salud tienen derecho a que el Estado y la sociedad, de forma solidaria, subsidien a las personas con menos recursos econ\u00f3micos. Bajo ese contexto, las entidades de salud deben facilitarles los medios necesarios para superar las barreras ...<br \/><div class=\"pt-cv-rmwrap\"><a href=\"https:\/\/www.dmsjuridica.com\/buscador_20179478954\/corteconstitucionalcronologico202454587\/t-989-12\/\" class=\"_self pt-cv-readmore btn btn-success\" target=\"_self\">Ver Sentencia Completa...<\/a><\/div><\/div><\/div><\/div>\n<div class=\"col-md-12 col-sm-12 col-xs-12 pt-cv-content-item pt-cv-1-col\" ><div class='pt-cv-ifield'><a href=\"https:\/\/www.dmsjuridica.com\/buscador_20179478954\/corteconstitucionalcronologico202454587\/t-988-12\/\" class=\"_self pt-cv-href-thumbnail pt-cv-thumb-default\" target=\"_self\" ><\/a>\n<div class=\"pt-cv-taxoterm above_title\"><a href='https:\/\/www.dmsjuridica.com\/buscador_20179478954\/corteconstitucionalcronologico202454587\/category\/buscar-en-toda-la-corte\/2012\/tutelas-2012\/' title='Tutelas 2012' class='pt-cv-tax-tutelas-2012'>Tutelas 2012<\/a><\/div>\n<h4 class=\"pt-cv-title\"><a href=\"https:\/\/www.dmsjuridica.com\/buscador_20179478954\/corteconstitucionalcronologico202454587\/t-988-12\/\" class=\"_self\" target=\"_self\" >T-988-12<\/a><\/h4>\n<div class=\"pt-cv-content\">\u00a0 \u00a0 Sentencia T-988\/12 \u00a0 DERECHO A LA ESTABILIDAD LABORAL REFORZADA DE PERSONA EN CONDICION DE DISCAPACIDAD O DISMINUCION FISICA\/PERSONA EN CIRCUNSTANCIAS DE DEBILIDAD MANIFIESTA-Protecci\u00f3n especial en materia laboral \u00a0 Desde el punto de vista del derecho a la igualdad, las personas en condici\u00f3n de debilidad manifiesta merecen un trato especial, de car\u00e1cter favorable, por parte del resto de la sociedad. Esas consideraciones operan de manera arm\u00f3nica al principio de solidaridad, principio que impone a los empleadores y a la administraci\u00f3n p\u00fablica apoyar a la persona en condici\u00f3n de debilidad por motivos de enfermedad en lugar de privarlo de su ...<br \/><div class=\"pt-cv-rmwrap\"><a href=\"https:\/\/www.dmsjuridica.com\/buscador_20179478954\/corteconstitucionalcronologico202454587\/t-988-12\/\" class=\"_self pt-cv-readmore btn btn-success\" target=\"_self\">Ver Sentencia Completa...<\/a><\/div><\/div><\/div><\/div>\n<div class=\"col-md-12 col-sm-12 col-xs-12 pt-cv-content-item pt-cv-1-col\" ><div class='pt-cv-ifield'><a href=\"https:\/\/www.dmsjuridica.com\/buscador_20179478954\/corteconstitucionalcronologico202454587\/t-987-12\/\" class=\"_self pt-cv-href-thumbnail pt-cv-thumb-default\" target=\"_self\" ><\/a>\n<div class=\"pt-cv-taxoterm above_title\"><a href='https:\/\/www.dmsjuridica.com\/buscador_20179478954\/corteconstitucionalcronologico202454587\/category\/buscar-en-toda-la-corte\/2012\/tutelas-2012\/' title='Tutelas 2012' class='pt-cv-tax-tutelas-2012'>Tutelas 2012<\/a><\/div>\n<h4 class=\"pt-cv-title\"><a href=\"https:\/\/www.dmsjuridica.com\/buscador_20179478954\/corteconstitucionalcronologico202454587\/t-987-12\/\" class=\"_self\" target=\"_self\" >T-987-12<\/a><\/h4>\n<div class=\"pt-cv-content\">\u00a0 \u00a0 Sentencia T-987\/12 \u00a0 NATURALEZA CONSTITUCIONAL DEL SERVICIO PUBLICO DE TRANSPORTE AEREO DE PASAJEROS-Reglamentaci\u00f3n \u00a0 El transporte p\u00fablico a\u00e9reo es, por mandato de la ley, un servicio p\u00fablico esencial, lo que significa que el mercado econ\u00f3mico que le es propio est\u00e1 altamente intervenido por el Estado.\u00a0 Esto con el fin de asegurar la seguridad, eficiencia, calidad y acceso equitativo a las prestaciones correspondientes. Adem\u00e1s, para el ejercicio de esas actividades de intervenci\u00f3n se ha previsto por el ordenamiento jur\u00eddico a la Aerocivil como autoridad aeron\u00e1utica, quien tiene la competencia para regular la actividad e, incluso, imponer sanciones en raz\u00f3n ...<br \/><div class=\"pt-cv-rmwrap\"><a href=\"https:\/\/www.dmsjuridica.com\/buscador_20179478954\/corteconstitucionalcronologico202454587\/t-987-12\/\" class=\"_self pt-cv-readmore btn btn-success\" target=\"_self\">Ver Sentencia Completa...<\/a><\/div><\/div><\/div><\/div>\n<div class=\"col-md-12 col-sm-12 col-xs-12 pt-cv-content-item pt-cv-1-col\" ><div class='pt-cv-ifield'><a href=\"https:\/\/www.dmsjuridica.com\/buscador_20179478954\/corteconstitucionalcronologico202454587\/t-986-12\/\" class=\"_self pt-cv-href-thumbnail pt-cv-thumb-default\" target=\"_self\" ><\/a>\n<div class=\"pt-cv-taxoterm above_title\"><a href='https:\/\/www.dmsjuridica.com\/buscador_20179478954\/corteconstitucionalcronologico202454587\/category\/buscar-en-toda-la-corte\/2012\/tutelas-2012\/' title='Tutelas 2012' class='pt-cv-tax-tutelas-2012'>Tutelas 2012<\/a><\/div>\n<h4 class=\"pt-cv-title\"><a href=\"https:\/\/www.dmsjuridica.com\/buscador_20179478954\/corteconstitucionalcronologico202454587\/t-986-12\/\" class=\"_self\" target=\"_self\" >T-986-12<\/a><\/h4>\n<div class=\"pt-cv-content\">\u00a0 \u00a0 Sentencia T-986\/12 \u00a0 ESTABILIDAD LABORAL REFORZADA DE PERSONA PORTADORA DE VIH-Protecci\u00f3n \u00a0 Las personas que padecen el virus VIH\/SIDA son titulares del derecho a la estabilidad laboral reforzada, y en consecuencia pueden solicitar el amparo de esta garant\u00eda a trav\u00e9s de la acci\u00f3n de tutela. Para ello, el juez atender\u00e1 los requisitos jurisprudenciales generales establecidos para la salvaguarda de la estabilidad laboral reforzada de personas discapacitadas. Sin embargo, en el caso de los portadores del virus VIH\/SIDA\u00a0 se debe tener algunos elementos relevantes, como son: i) su alto grado de vulnerabilidad y las nefastas consecuencias de la enfermedad; ...<br \/><div class=\"pt-cv-rmwrap\"><a href=\"https:\/\/www.dmsjuridica.com\/buscador_20179478954\/corteconstitucionalcronologico202454587\/t-986-12\/\" class=\"_self pt-cv-readmore btn btn-success\" target=\"_self\">Ver Sentencia Completa...<\/a><\/div><\/div><\/div><\/div>\n<div class=\"col-md-12 col-sm-12 col-xs-12 pt-cv-content-item pt-cv-1-col\" ><div class='pt-cv-ifield'><a href=\"https:\/\/www.dmsjuridica.com\/buscador_20179478954\/corteconstitucionalcronologico202454587\/t-984-12\/\" class=\"_self pt-cv-href-thumbnail pt-cv-thumb-default\" target=\"_self\" ><\/a>\n<div class=\"pt-cv-taxoterm above_title\"><a href='https:\/\/www.dmsjuridica.com\/buscador_20179478954\/corteconstitucionalcronologico202454587\/category\/buscar-en-toda-la-corte\/2012\/tutelas-2012\/' title='Tutelas 2012' class='pt-cv-tax-tutelas-2012'>Tutelas 2012<\/a><\/div>\n<h4 class=\"pt-cv-title\"><a href=\"https:\/\/www.dmsjuridica.com\/buscador_20179478954\/corteconstitucionalcronologico202454587\/t-984-12\/\" class=\"_self\" target=\"_self\" >T-984-12<\/a><\/h4>\n<div class=\"pt-cv-content\">\u00a0 \u00a0 Sentencia T-984\/12 \u00a0 ACCION DE TUTELA EN MATERIA LABORAL-Procedencia excepcional para ordenar el pago de incapacidades laborales\/ALLANAMIENTO A LA MORA POR ENTIDAD PROMOTORA DE SALUD \u00a0 La Corte ha insistido que, en principio, las controversias relativas al pago de acreencias laborales deben ser resueltas por la jurisdicci\u00f3n ordinaria. Sin embargo, ha admitido que este criterio no es absoluto, toda vez que frente a la amenaza o vulneraci\u00f3n de derechos fundamentales del tutelante, la acci\u00f3n constitucional es procedente, por cuanto el pago requerido puede ser la \u00fanica fuente de recursos econ\u00f3micos que permitan sufragar las necesidades b\u00e1sicas, personales y ...<br \/><div class=\"pt-cv-rmwrap\"><a href=\"https:\/\/www.dmsjuridica.com\/buscador_20179478954\/corteconstitucionalcronologico202454587\/t-984-12\/\" class=\"_self pt-cv-readmore btn btn-success\" target=\"_self\">Ver Sentencia Completa...<\/a><\/div><\/div><\/div><\/div>\n<div class=\"col-md-12 col-sm-12 col-xs-12 pt-cv-content-item pt-cv-1-col\" ><div class='pt-cv-ifield'><a href=\"https:\/\/www.dmsjuridica.com\/buscador_20179478954\/corteconstitucionalcronologico202454587\/t-983-12\/\" class=\"_self pt-cv-href-thumbnail pt-cv-thumb-default\" target=\"_self\" ><\/a>\n<div class=\"pt-cv-taxoterm above_title\"><a href='https:\/\/www.dmsjuridica.com\/buscador_20179478954\/corteconstitucionalcronologico202454587\/category\/buscar-en-toda-la-corte\/2012\/tutelas-2012\/' title='Tutelas 2012' class='pt-cv-tax-tutelas-2012'>Tutelas 2012<\/a><\/div>\n<h4 class=\"pt-cv-title\"><a href=\"https:\/\/www.dmsjuridica.com\/buscador_20179478954\/corteconstitucionalcronologico202454587\/t-983-12\/\" class=\"_self\" target=\"_self\" >T-983-12<\/a><\/h4>\n<div class=\"pt-cv-content\">\u00a0 \u00a0 Sentencia T-983\/12 \u00a0 DECISIONES DE INSTANCIA-Son compartidas por la Sala de Revisi\u00f3n\u00a0 \u00a0 De lo dispuesto en el art\u00edculo 35 del Decreto 2591 de 1991 deriva que las decisiones de revisi\u00f3n de la Corte Constitucional que no revoquen, modifiquen o unifiquen jurisprudencia, podr\u00e1n ser brevemente justificadas. El juez constitucional podr\u00eda avocar el an\u00e1lisis, cuando con real fundamento se plantee por parte de quien acudi\u00f3 a un proceso judicial com\u00fan, la verdadera vulneraci\u00f3n ostensible, grave e insubsanable de sus garant\u00edas constitucionales, como resultado de providencias entonces proferidas. \u00a0 APODERADO JUDICIAL-Negligencia profesional \u00a0 No existe ninguna raz\u00f3n v\u00e1lida para que ...<br \/><div class=\"pt-cv-rmwrap\"><a href=\"https:\/\/www.dmsjuridica.com\/buscador_20179478954\/corteconstitucionalcronologico202454587\/t-983-12\/\" class=\"_self pt-cv-readmore btn btn-success\" target=\"_self\">Ver Sentencia Completa...<\/a><\/div><\/div><\/div><\/div>\n<div class=\"col-md-12 col-sm-12 col-xs-12 pt-cv-content-item pt-cv-1-col\" ><div class='pt-cv-ifield'><a href=\"https:\/\/www.dmsjuridica.com\/buscador_20179478954\/corteconstitucionalcronologico202454587\/t-982-12\/\" class=\"_self pt-cv-href-thumbnail pt-cv-thumb-default\" target=\"_self\" ><\/a>\n<div class=\"pt-cv-taxoterm above_title\"><a href='https:\/\/www.dmsjuridica.com\/buscador_20179478954\/corteconstitucionalcronologico202454587\/category\/buscar-en-toda-la-corte\/2012\/tutelas-2012\/' title='Tutelas 2012' class='pt-cv-tax-tutelas-2012'>Tutelas 2012<\/a><\/div>\n<h4 class=\"pt-cv-title\"><a href=\"https:\/\/www.dmsjuridica.com\/buscador_20179478954\/corteconstitucionalcronologico202454587\/t-982-12\/\" class=\"_self\" target=\"_self\" >T-982-12<\/a><\/h4>\n<div class=\"pt-cv-content\">\u00a0 \u00a0 Sentencia T-982\/12 \u00a0 ACCION DE TUTELA CONTRA PARTICULARES-Procedencia\/ACCION DE TUTELA CONTRA CONYUGE-Procedencia \u00a0 La acci\u00f3n de tutela constituye un mecanismo excepcional, id\u00f3neo para enfrentar agresiones de particulares contra personas que, por sus condiciones o limitaciones, se encuentran despose\u00eddas de recursos f\u00edsicos o jur\u00eddicos eficaces para proteger, restablecer y\/o mantener sus derechos fundamentales, ante una situaci\u00f3n vulneradora. La acci\u00f3n de amparo procede entre c\u00f3nyuges o compa\u00f1eros permanentes, cuando la violencia en el hogar tiene tal impacto que conlleva el desconocimiento de derechos fundamentales, indic\u00e1ndose que si por una parte en el caso de conflictos surgidos entre los miembros de ...<br \/><div class=\"pt-cv-rmwrap\"><a href=\"https:\/\/www.dmsjuridica.com\/buscador_20179478954\/corteconstitucionalcronologico202454587\/t-982-12\/\" class=\"_self pt-cv-readmore btn btn-success\" target=\"_self\">Ver Sentencia Completa...<\/a><\/div><\/div><\/div><\/div>\n<div class=\"col-md-12 col-sm-12 col-xs-12 pt-cv-content-item pt-cv-1-col\" ><div class='pt-cv-ifield'><a href=\"https:\/\/www.dmsjuridica.com\/buscador_20179478954\/corteconstitucionalcronologico202454587\/t-981-12\/\" class=\"_self pt-cv-href-thumbnail pt-cv-thumb-default\" target=\"_self\" ><\/a>\n<div class=\"pt-cv-taxoterm above_title\"><a href='https:\/\/www.dmsjuridica.com\/buscador_20179478954\/corteconstitucionalcronologico202454587\/category\/buscar-en-toda-la-corte\/2012\/tutelas-2012\/' title='Tutelas 2012' class='pt-cv-tax-tutelas-2012'>Tutelas 2012<\/a><\/div>\n<h4 class=\"pt-cv-title\"><a href=\"https:\/\/www.dmsjuridica.com\/buscador_20179478954\/corteconstitucionalcronologico202454587\/t-981-12\/\" class=\"_self\" target=\"_self\" >T-981-12<\/a><\/h4>\n<div class=\"pt-cv-content\">\u00a0 \u00a0 Sentencia T-981\/12 \u00a0 ACCION DE TUTELA CONTRA PROVIDENCIAS JUDICIALES-Improcedencia contra decisiones judiciales que hayan puesto fin a un proceso\/ACCION DE TUTELA CONTRA PROVIDENCIAS JUDICIALES-Causales gen\u00e9ricas y especiales de procedibilidad \u00a0 De forma muy excepcional, se permite el uso de la acci\u00f3n de tutela para cuestionar aquellas\u00a0\u201cdecisiones\u201d\u00a0que por contrariar de manera grave, flagrante y grosera el ordenamiento constitucional, no puedan en realidad reputarse como verdaderos pronunciamientos judiciales. Es preciso tener en cuenta que la acci\u00f3n de tutela se encuentra reservada para aquellos eventos en los cuales se presente una verdadera conculcaci\u00f3n de un derecho fundamental, lo cual suele traducirse ...<br \/><div class=\"pt-cv-rmwrap\"><a href=\"https:\/\/www.dmsjuridica.com\/buscador_20179478954\/corteconstitucionalcronologico202454587\/t-981-12\/\" class=\"_self pt-cv-readmore btn btn-success\" target=\"_self\">Ver Sentencia Completa...<\/a><\/div><\/div><\/div><\/div>\n<div class=\"col-md-12 col-sm-12 col-xs-12 pt-cv-content-item pt-cv-1-col\" ><div class='pt-cv-ifield'><a href=\"https:\/\/www.dmsjuridica.com\/buscador_20179478954\/corteconstitucionalcronologico202454587\/t-980-12\/\" class=\"_self pt-cv-href-thumbnail pt-cv-thumb-default\" target=\"_self\" ><\/a>\n<div class=\"pt-cv-taxoterm above_title\"><a href='https:\/\/www.dmsjuridica.com\/buscador_20179478954\/corteconstitucionalcronologico202454587\/category\/buscar-en-toda-la-corte\/2012\/tutelas-2012\/' title='Tutelas 2012' class='pt-cv-tax-tutelas-2012'>Tutelas 2012<\/a><\/div>\n<h4 class=\"pt-cv-title\"><a href=\"https:\/\/www.dmsjuridica.com\/buscador_20179478954\/corteconstitucionalcronologico202454587\/t-980-12\/\" class=\"_self\" target=\"_self\" >T-980-12<\/a><\/h4>\n<div class=\"pt-cv-content\">\u00a0 \u00a0 Sentencia T-980\/12 \u00a0 ACCION DE TUTELA CONTRA EMPRESA DE ACUEDUCTO-Caso en que se suspendi\u00f3 el suministro de agua potable a peticionario de 61 a\u00f1os por el incumplimiento consecutivo en el pago de las obligaciones facturadas \u00a0 ACCION DE TUTELA PARA ACCESO EFECTIVO AL SERVICIO DE AGUA POTABLE-Procede la protecci\u00f3n inmediata por v\u00eda de tutela a\u00fan cuando los actores cuentan con otro medio de defensa judicial \u00a0 Se advierte la existencia de una v\u00eda especial para dirimir los conflictos que puedan surgir entre las empresas prestadoras de servicios p\u00fablicos domiciliarios y los suscriptores potenciales, los suscriptores activos o los ...<br \/><div class=\"pt-cv-rmwrap\"><a href=\"https:\/\/www.dmsjuridica.com\/buscador_20179478954\/corteconstitucionalcronologico202454587\/t-980-12\/\" class=\"_self pt-cv-readmore btn btn-success\" target=\"_self\">Ver Sentencia Completa...<\/a><\/div><\/div><\/div><\/div>\n<div class=\"col-md-12 col-sm-12 col-xs-12 pt-cv-content-item pt-cv-1-col\" ><div class='pt-cv-ifield'><a href=\"https:\/\/www.dmsjuridica.com\/buscador_20179478954\/corteconstitucionalcronologico202454587\/t-979-12\/\" class=\"_self pt-cv-href-thumbnail pt-cv-thumb-default\" target=\"_self\" ><\/a>\n<div class=\"pt-cv-taxoterm above_title\"><a href='https:\/\/www.dmsjuridica.com\/buscador_20179478954\/corteconstitucionalcronologico202454587\/category\/buscar-en-toda-la-corte\/2012\/tutelas-2012\/' title='Tutelas 2012' class='pt-cv-tax-tutelas-2012'>Tutelas 2012<\/a><\/div>\n<h4 class=\"pt-cv-title\"><a href=\"https:\/\/www.dmsjuridica.com\/buscador_20179478954\/corteconstitucionalcronologico202454587\/t-979-12\/\" class=\"_self\" target=\"_self\" >T-979-12<\/a><\/h4>\n<div class=\"pt-cv-content\">\u00a0 \u00a0 Sentencia T-979\/12 \u00a0 DERECHO A LA SALUD, A LA SEGURIDAD SOCIAL Y A LA VIDA DIGNA-Persona de 62 a\u00f1os que padece trastorno esquizofr\u00e9nico tipo bipolar, s\u00edndrome demencial, deterioro cognitivo y la EPS no ha ordenado su internaci\u00f3n permanente en instituci\u00f3n geri\u00e1trica apropiada \u00a0 AGENCIA OFICIOSA EN TUTELA-Hermana en representaci\u00f3n de hermano que padece enfermedad psiqui\u00e1trica\u00a0 \u00a0 LEGITIMACION EN LA CAUSA POR ACTIVA Y AGENCIA OFICIOSA EN LA ACCION DE TUTELA-Reiteraci\u00f3n de jurisprudencia \u00a0 Corresponde al juez de tutela verificar en cada caso si, en efecto, el titular de los derechos cuya protecci\u00f3n se busca por esta v\u00eda judicial ...<br \/><div class=\"pt-cv-rmwrap\"><a href=\"https:\/\/www.dmsjuridica.com\/buscador_20179478954\/corteconstitucionalcronologico202454587\/t-979-12\/\" class=\"_self pt-cv-readmore btn btn-success\" target=\"_self\">Ver Sentencia Completa...<\/a><\/div><\/div><\/div><\/div>\n<div class=\"col-md-12 col-sm-12 col-xs-12 pt-cv-content-item pt-cv-1-col\" ><div class='pt-cv-ifield'><a href=\"https:\/\/www.dmsjuridica.com\/buscador_20179478954\/corteconstitucionalcronologico202454587\/t-978-12\/\" class=\"_self pt-cv-href-thumbnail pt-cv-thumb-default\" target=\"_self\" ><\/a>\n<div class=\"pt-cv-taxoterm above_title\"><a href='https:\/\/www.dmsjuridica.com\/buscador_20179478954\/corteconstitucionalcronologico202454587\/category\/buscar-en-toda-la-corte\/2012\/tutelas-2012\/' title='Tutelas 2012' class='pt-cv-tax-tutelas-2012'>Tutelas 2012<\/a><\/div>\n<h4 class=\"pt-cv-title\"><a href=\"https:\/\/www.dmsjuridica.com\/buscador_20179478954\/corteconstitucionalcronologico202454587\/t-978-12\/\" class=\"_self\" target=\"_self\" >T-978-12<\/a><\/h4>\n<div class=\"pt-cv-content\">\u00a0 \u00a0 Sentencia T-978\/12 \u00a0 ACCION DE TUTELA CONTRA PROVIDENCIAS JUDICIALES-Causales gen\u00e9ricas y especiales de procedencia \u00a0 \u00a0 \u00a0 Esta Corporaci\u00f3n dej\u00f3 claro que la intervenci\u00f3n del juez constitucional en asuntos decididos por otros jueces, en sus respectivas jurisdicciones, se puede adelantar \u00fanicamente con el fin de proteger los derechos fundamentales vulnerados. En la sentencia C-590 de 2005, se estipul\u00f3 que para la procedencia de la acci\u00f3n constitucional, deben cumplirse tanto los (i) requisitos generales de procedibilidad, como los (ii) requisitos especiales para su procedencia. \u00a0 CONCILIACION EXTRAJUDICIAL-Requisito de procedibilidad para acudir a las jurisdicciones civil, contenciosa y de familia ...<br \/><div class=\"pt-cv-rmwrap\"><a href=\"https:\/\/www.dmsjuridica.com\/buscador_20179478954\/corteconstitucionalcronologico202454587\/t-978-12\/\" class=\"_self pt-cv-readmore btn btn-success\" target=\"_self\">Ver Sentencia Completa...<\/a><\/div><\/div><\/div><\/div>\n<div class=\"col-md-12 col-sm-12 col-xs-12 pt-cv-content-item pt-cv-1-col\" ><div class='pt-cv-ifield'><a href=\"https:\/\/www.dmsjuridica.com\/buscador_20179478954\/corteconstitucionalcronologico202454587\/t-977-12\/\" class=\"_self pt-cv-href-thumbnail pt-cv-thumb-default\" target=\"_self\" ><\/a>\n<div class=\"pt-cv-taxoterm above_title\"><a href='https:\/\/www.dmsjuridica.com\/buscador_20179478954\/corteconstitucionalcronologico202454587\/category\/buscar-en-toda-la-corte\/2012\/tutelas-2012\/' title='Tutelas 2012' class='pt-cv-tax-tutelas-2012'>Tutelas 2012<\/a><\/div>\n<h4 class=\"pt-cv-title\"><a href=\"https:\/\/www.dmsjuridica.com\/buscador_20179478954\/corteconstitucionalcronologico202454587\/t-977-12\/\" class=\"_self\" target=\"_self\" >T-977-12<\/a><\/h4>\n<div class=\"pt-cv-content\">\u00a0 \u00a0 Sentencia T-977\/12 \u00a0 DERECHO AL RECONOCIMIENTO DEL NOMBRE COMO ATRIBUTO DE LA PERSONALIDAD JURIDICA Y AL LIBRE DESARROLLO DE LA PERSONALIDAD \u00a0 Todo individuo tiene el derecho a escoger libremente un plan de vida y a desarrollarlo a plenitud respetando los l\u00edmites constitucionales. La fijaci\u00f3n del nombre, como atributo de la personalidad, resulta determinante para el libre desarrollo del plan de vida individual y para la realizaci\u00f3n del derecho a la identidad, en la medida en que, constituye el signo distintivo del sujeto en el plano relacional. \u00a0 DERECHO AL RECONOCIMIENTO DE LA PERSONALIDAD JURIDICA Y AL LIBRE ...<br \/><div class=\"pt-cv-rmwrap\"><a href=\"https:\/\/www.dmsjuridica.com\/buscador_20179478954\/corteconstitucionalcronologico202454587\/t-977-12\/\" class=\"_self pt-cv-readmore btn btn-success\" target=\"_self\">Ver Sentencia Completa...<\/a><\/div><\/div><\/div><\/div>\n<div class=\"col-md-12 col-sm-12 col-xs-12 pt-cv-content-item pt-cv-1-col\" ><div class='pt-cv-ifield'><a href=\"https:\/\/www.dmsjuridica.com\/buscador_20179478954\/corteconstitucionalcronologico202454587\/t-976-12\/\" class=\"_self pt-cv-href-thumbnail pt-cv-thumb-default\" target=\"_self\" ><\/a>\n<div class=\"pt-cv-taxoterm above_title\"><a href='https:\/\/www.dmsjuridica.com\/buscador_20179478954\/corteconstitucionalcronologico202454587\/category\/buscar-en-toda-la-corte\/2012\/tutelas-2012\/' title='Tutelas 2012' class='pt-cv-tax-tutelas-2012'>Tutelas 2012<\/a><\/div>\n<h4 class=\"pt-cv-title\"><a href=\"https:\/\/www.dmsjuridica.com\/buscador_20179478954\/corteconstitucionalcronologico202454587\/t-976-12\/\" class=\"_self\" target=\"_self\" >T-976-12<\/a><\/h4>\n<div class=\"pt-cv-content\">\u00a0 \u00a0 \u00a0\u00a0 Sentencia T-976\/12 \u00a0 AGENCIA OFICIOSA DE PERSONAS QUE SE ENCUENTRAN PRESTANDO SERVICIO MILITAR OBLIGATORIO-Requisitos para determinar la legitimidad del padre o madre del hijo que presta el servicio militar \u00a0 No puede perderse de vista que por las mismas condiciones en la que se encuentra un soldado\u00a0recluso, \u00e9ste tiene grandes dificultades en el ejercicio de la defensa de sus derechos e intereses vulnerados.\u00a0 \u00a0 OBLIGACION DE PRESTAR EL SERVICIO MILITAR\u00a0 \u00a0 En el caso del servicio militar, seg\u00fan lo preceptuado por el art\u00edculo 216 constitucional, \u00e9ste se encuentra concebido como una obligaci\u00f3n de todos los colombianos de ...<br \/><div class=\"pt-cv-rmwrap\"><a href=\"https:\/\/www.dmsjuridica.com\/buscador_20179478954\/corteconstitucionalcronologico202454587\/t-976-12\/\" class=\"_self pt-cv-readmore btn btn-success\" target=\"_self\">Ver Sentencia Completa...<\/a><\/div><\/div><\/div><\/div>\n<div class=\"col-md-12 col-sm-12 col-xs-12 pt-cv-content-item pt-cv-1-col\" ><div class='pt-cv-ifield'><a href=\"https:\/\/www.dmsjuridica.com\/buscador_20179478954\/corteconstitucionalcronologico202454587\/t-975-12\/\" class=\"_self pt-cv-href-thumbnail pt-cv-thumb-default\" target=\"_self\" ><\/a>\n<div class=\"pt-cv-taxoterm above_title\"><a href='https:\/\/www.dmsjuridica.com\/buscador_20179478954\/corteconstitucionalcronologico202454587\/category\/buscar-en-toda-la-corte\/2012\/tutelas-2012\/' title='Tutelas 2012' class='pt-cv-tax-tutelas-2012'>Tutelas 2012<\/a><\/div>\n<h4 class=\"pt-cv-title\"><a href=\"https:\/\/www.dmsjuridica.com\/buscador_20179478954\/corteconstitucionalcronologico202454587\/t-975-12\/\" class=\"_self\" target=\"_self\" >T-975-12<\/a><\/h4>\n<div class=\"pt-cv-content\">\u00a0 \u00a0 Sentencia T-975\/12 \u00a0 ACCION DE TUTELA CONTRA LA NUEVA EPS-Casos en que la EPS niega insumos, medicamentos y procedimientos, en especial el de pa\u00f1ales, bajo el argumento que no se encuentran incluidos dentro del Plan de Beneficios sin autorizaci\u00f3n del Comit\u00e9 T\u00e9cnico Cient\u00edfico\u00a0 \u00a0 LEGITIMACION POR ACTIVA EN TUTELA Y AGENCIA OFICIOSA-Reiteraci\u00f3n de jurisprudencia \u00a0 Esta Corporaci\u00f3n en su jurisprudencia, fundamenta la validez de la agencia oficiosa a partir de tres principios constitucionales: (i) el principio de la eficacia de los derechos fundamentales, que impone a la administraci\u00f3n la ampliaci\u00f3n de mecanismos institucionales, con el fin de realizar ...<br \/><div class=\"pt-cv-rmwrap\"><a href=\"https:\/\/www.dmsjuridica.com\/buscador_20179478954\/corteconstitucionalcronologico202454587\/t-975-12\/\" class=\"_self pt-cv-readmore btn btn-success\" target=\"_self\">Ver Sentencia Completa...<\/a><\/div><\/div><\/div><\/div>\n<div class=\"col-md-12 col-sm-12 col-xs-12 pt-cv-content-item pt-cv-1-col\" ><div class='pt-cv-ifield'><a href=\"https:\/\/www.dmsjuridica.com\/buscador_20179478954\/corteconstitucionalcronologico202454587\/t-974-12\/\" class=\"_self pt-cv-href-thumbnail pt-cv-thumb-default\" target=\"_self\" ><\/a>\n<div class=\"pt-cv-taxoterm above_title\"><a href='https:\/\/www.dmsjuridica.com\/buscador_20179478954\/corteconstitucionalcronologico202454587\/category\/buscar-en-toda-la-corte\/2012\/tutelas-2012\/' title='Tutelas 2012' class='pt-cv-tax-tutelas-2012'>Tutelas 2012<\/a><\/div>\n<h4 class=\"pt-cv-title\"><a href=\"https:\/\/www.dmsjuridica.com\/buscador_20179478954\/corteconstitucionalcronologico202454587\/t-974-12\/\" class=\"_self\" target=\"_self\" >T-974-12<\/a><\/h4>\n<div class=\"pt-cv-content\">\u00a0 \u00a0 Sentencia T-974\/12 \u00a0 DERECHO FUNDAMENTAL AL AGUA-Concepto y fundamento \u00a0 El agua en el ordenamiento jur\u00eddico colombiano\u00a0tiene una doble connotaci\u00f3n\u00a0pues se erige como un derecho fundamental y como un servicio p\u00fablico.\u00a0En tal sentido, todas las personas deben poder acceder al servicio de acueducto en condiciones de cantidad y calidad suficiente y al Estado le corresponde organizar, dirigir, reglamentar y garantizar su prestaci\u00f3n de conformidad con los principios de eficiencia, universalidad y solidaridad. \u00a0 DERECHO FUNDAMENTAL AL AGUA-Contenido y obligaciones estatales en materia de prestaci\u00f3n del servicio de agua de conformidad con el bloque de constitucionalidad \u00a0 ACCION DE ...<br \/><div class=\"pt-cv-rmwrap\"><a href=\"https:\/\/www.dmsjuridica.com\/buscador_20179478954\/corteconstitucionalcronologico202454587\/t-974-12\/\" class=\"_self pt-cv-readmore btn btn-success\" target=\"_self\">Ver Sentencia Completa...<\/a><\/div><\/div><\/div><\/div>\n<div class=\"col-md-12 col-sm-12 col-xs-12 pt-cv-content-item pt-cv-1-col\" ><div class='pt-cv-ifield'><a href=\"https:\/\/www.dmsjuridica.com\/buscador_20179478954\/corteconstitucionalcronologico202454587\/t-973-12\/\" class=\"_self pt-cv-href-thumbnail pt-cv-thumb-default\" target=\"_self\" ><\/a>\n<div class=\"pt-cv-taxoterm above_title\"><a href='https:\/\/www.dmsjuridica.com\/buscador_20179478954\/corteconstitucionalcronologico202454587\/category\/buscar-en-toda-la-corte\/2012\/tutelas-2012\/' title='Tutelas 2012' class='pt-cv-tax-tutelas-2012'>Tutelas 2012<\/a><\/div>\n<h4 class=\"pt-cv-title\"><a href=\"https:\/\/www.dmsjuridica.com\/buscador_20179478954\/corteconstitucionalcronologico202454587\/t-973-12\/\" class=\"_self\" target=\"_self\" >T-973-12<\/a><\/h4>\n<div class=\"pt-cv-content\">\u00a0 \u00a0 Sentencia T-973\/12 \u00a0 ACCION DE TUTELA PARA RECONOCIMIENTO DE PRESTACIONES SOCIALES-Procedencia excepcional \u00a0 Se puede decidir respecto de una solicitud de reconocimiento de una prestaci\u00f3n social, cuando la acci\u00f3n de tutela cumpla de manera excepcional, con ciertos requisitos de procedibilidad. \u00a0 PRINCIPIO DE INMEDIATEZ EN ACCION DE TUTELA-T\u00e9rmino razonable y oportuno \u00a0 La Corte Constitucional de manera reiterada ha determinado como requisito de procedibilidad, que la acci\u00f3n de tutela sea interpuesta dentro de un t\u00e9rmino oportuno, razonable y justo, como quiera que lo que se pretende es el inminente amparo de un derecho fundamental vulnerado. \u00a0 PENSION DE ...<br \/><div class=\"pt-cv-rmwrap\"><a href=\"https:\/\/www.dmsjuridica.com\/buscador_20179478954\/corteconstitucionalcronologico202454587\/t-973-12\/\" class=\"_self pt-cv-readmore btn btn-success\" target=\"_self\">Ver Sentencia Completa...<\/a><\/div><\/div><\/div><\/div>\n<div class=\"col-md-12 col-sm-12 col-xs-12 pt-cv-content-item pt-cv-1-col\" ><div class='pt-cv-ifield'><a href=\"https:\/\/www.dmsjuridica.com\/buscador_20179478954\/corteconstitucionalcronologico202454587\/t-972-12\/\" class=\"_self pt-cv-href-thumbnail pt-cv-thumb-default\" target=\"_self\" ><\/a>\n<div class=\"pt-cv-taxoterm above_title\"><a href='https:\/\/www.dmsjuridica.com\/buscador_20179478954\/corteconstitucionalcronologico202454587\/category\/buscar-en-toda-la-corte\/2012\/tutelas-2012\/' title='Tutelas 2012' class='pt-cv-tax-tutelas-2012'>Tutelas 2012<\/a><\/div>\n<h4 class=\"pt-cv-title\"><a href=\"https:\/\/www.dmsjuridica.com\/buscador_20179478954\/corteconstitucionalcronologico202454587\/t-972-12\/\" class=\"_self\" target=\"_self\" >T-972-12<\/a><\/h4>\n<div class=\"pt-cv-content\">\u00a0 \u00a0 \u00a0 \u00a0 \u00a0Sentencia 972\/12 \u00a0 DERECHO A LA SALUD, VIDA DIGNA E INTEGRIDAD PERSONAL-Caso en que se genera autorizaci\u00f3n m\u00e9dica para la pr\u00e1ctica de una cirug\u00eda que no correspond\u00eda a la patolog\u00eda de la paciente \u00a0 LEGITIMACION POR ACTIVA EN TUTELA Y AGENCIA OFICIOSA-Reiteraci\u00f3n de jurisprudencia \u00a0 En relaci\u00f3n con la agencia oficiosa, en m\u00faltiples pronunciamientos, la Corte ha considerado que se presenta cuando el titular del derecho se encuentra imposibilitado para ejercer su propia defensa y opta, en ejercicio de su autonom\u00eda individual, m\u00e1s no por disposici\u00f3n legal, por delegar su actuaci\u00f3n en una persona distinta a ...<br \/><div class=\"pt-cv-rmwrap\"><a href=\"https:\/\/www.dmsjuridica.com\/buscador_20179478954\/corteconstitucionalcronologico202454587\/t-972-12\/\" class=\"_self pt-cv-readmore btn btn-success\" target=\"_self\">Ver Sentencia Completa...<\/a><\/div><\/div><\/div><\/div>\n<div class=\"col-md-12 col-sm-12 col-xs-12 pt-cv-content-item pt-cv-1-col\" ><div class='pt-cv-ifield'><a href=\"https:\/\/www.dmsjuridica.com\/buscador_20179478954\/corteconstitucionalcronologico202454587\/t-971-12\/\" class=\"_self pt-cv-href-thumbnail pt-cv-thumb-default\" target=\"_self\" ><\/a>\n<div class=\"pt-cv-taxoterm above_title\"><a href='https:\/\/www.dmsjuridica.com\/buscador_20179478954\/corteconstitucionalcronologico202454587\/category\/buscar-en-toda-la-corte\/2012\/tutelas-2012\/' title='Tutelas 2012' class='pt-cv-tax-tutelas-2012'>Tutelas 2012<\/a><\/div>\n<h4 class=\"pt-cv-title\"><a href=\"https:\/\/www.dmsjuridica.com\/buscador_20179478954\/corteconstitucionalcronologico202454587\/t-971-12\/\" class=\"_self\" target=\"_self\" >T-971-12<\/a><\/h4>\n<div class=\"pt-cv-content\">\u00a0 \u00a0 Sentencia T-971\/212 \u00a0 SERVICIO MEDICO-Suspensi\u00f3n \u00a0 Las Entidades Promotoras de Salud no pueden suspender los servicios m\u00e9dico asistenciales argumentando, entre otros motivos, p\u00e9rdida de la calidad de beneficiario, falta de pago de los aportes correspondientes del empleador, p\u00e9rdida del v\u00ednculo laboral y ausencia de suministro de un servicio que no se hab\u00eda prestado, entre otras circunstancias. \u00a0 DERECHO A LA SALUD COMO DERECHO FUNDAMENTAL-Protecci\u00f3n constitucional \u00a0 En reiterada jurisprudencia emitida por esta Corporaci\u00f3n se ha dispuesto que el derecho a la salud es un derecho fundamental de car\u00e1cter aut\u00f3nomo. Seg\u00fan el art\u00edculo 49 de la Constituci\u00f3n Pol\u00edtica, la ...<br \/><div class=\"pt-cv-rmwrap\"><a href=\"https:\/\/www.dmsjuridica.com\/buscador_20179478954\/corteconstitucionalcronologico202454587\/t-971-12\/\" class=\"_self pt-cv-readmore btn btn-success\" target=\"_self\">Ver Sentencia Completa...<\/a><\/div><\/div><\/div><\/div>\n<div class=\"col-md-12 col-sm-12 col-xs-12 pt-cv-content-item pt-cv-1-col\" ><div class='pt-cv-ifield'><a href=\"https:\/\/www.dmsjuridica.com\/buscador_20179478954\/corteconstitucionalcronologico202454587\/t-970-12\/\" class=\"_self pt-cv-href-thumbnail pt-cv-thumb-default\" target=\"_self\" ><\/a>\n<div class=\"pt-cv-taxoterm above_title\"><a href='https:\/\/www.dmsjuridica.com\/buscador_20179478954\/corteconstitucionalcronologico202454587\/category\/buscar-en-toda-la-corte\/2012\/tutelas-2012\/' title='Tutelas 2012' class='pt-cv-tax-tutelas-2012'>Tutelas 2012<\/a><\/div>\n<h4 class=\"pt-cv-title\"><a href=\"https:\/\/www.dmsjuridica.com\/buscador_20179478954\/corteconstitucionalcronologico202454587\/t-970-12\/\" class=\"_self\" target=\"_self\" >T-970-12<\/a><\/h4>\n<div class=\"pt-cv-content\">\u00a0 \u00a0 Sentencia T-970\/12 \u00a0 CONCURSO PUBLICO DE MERITOS-Ineficacia de los medios de defensa judicial para resolver controversias\/ACCION DE TUTELA-Procedencia para controvertir decisiones adoptadas en el marco de un concurso p\u00fablico \u00a0 En materia de acciones de tutela interpuestas para controvertir la decisi\u00f3n de un gobernador de seleccionar a uno de los ternados para el cargo de gerente o jefe seccional de un establecimiento p\u00fablico del orden nacional con base en la atribuci\u00f3n conferida en el numeral 13 del art\u00edculo 305 de la Constituci\u00f3n Pol\u00edtica, esta Corporaci\u00f3n reconoci\u00f3 en la sentencia T-1009 de 2010 que es procedente utilizar la acci\u00f3n ...<br \/><div class=\"pt-cv-rmwrap\"><a href=\"https:\/\/www.dmsjuridica.com\/buscador_20179478954\/corteconstitucionalcronologico202454587\/t-970-12\/\" class=\"_self pt-cv-readmore btn btn-success\" target=\"_self\">Ver Sentencia Completa...<\/a><\/div><\/div><\/div><\/div>\n<div class=\"col-md-12 col-sm-12 col-xs-12 pt-cv-content-item pt-cv-1-col\" ><div class='pt-cv-ifield'><a href=\"https:\/\/www.dmsjuridica.com\/buscador_20179478954\/corteconstitucionalcronologico202454587\/t-964-12\/\" class=\"_self pt-cv-href-thumbnail pt-cv-thumb-default\" target=\"_self\" ><\/a>\n<div class=\"pt-cv-taxoterm above_title\"><a href='https:\/\/www.dmsjuridica.com\/buscador_20179478954\/corteconstitucionalcronologico202454587\/category\/buscar-en-toda-la-corte\/2012\/tutelas-2012\/' title='Tutelas 2012' class='pt-cv-tax-tutelas-2012'>Tutelas 2012<\/a><\/div>\n<h4 class=\"pt-cv-title\"><a href=\"https:\/\/www.dmsjuridica.com\/buscador_20179478954\/corteconstitucionalcronologico202454587\/t-964-12\/\" class=\"_self\" target=\"_self\" >T-964-12<\/a><\/h4>\n<div class=\"pt-cv-content\">\u00a0 \u00a0 Sentencia T-964\/12 \u00a0 PROTECCION CONSTITUCIONAL DEL DERECHO FUNDAMENTAL A LA SALUD-Reiteraci\u00f3n de jurisprudencia \u00a0 DERECHO AL DIAGNOSTICO DE UNA ENFERMEDAD HACE PARTE DEL DERECHO A LA SALUD-Reiteraci\u00f3n de jurisprudencia \u00a0 Del derecho al diagn\u00f3stico depende directamente la determinaci\u00f3n de la causa que afecta a la salud, de ah\u00ed que sea trascendental su garant\u00eda, pues de lo contrario no ser\u00eda posible suministrar el tratamiento oportuno y adecuado para aliviar los padecimientos que afectan a las personas. La Corte ha sostenido que la vulneraci\u00f3n del derecho al diagn\u00f3stico en cualquiera de sus perspectivas, afecta directamente otros derechos de car\u00e1cter constitucional ...<br \/><div class=\"pt-cv-rmwrap\"><a href=\"https:\/\/www.dmsjuridica.com\/buscador_20179478954\/corteconstitucionalcronologico202454587\/t-964-12\/\" class=\"_self pt-cv-readmore btn btn-success\" target=\"_self\">Ver Sentencia Completa...<\/a><\/div><\/div><\/div><\/div>\n<div class=\"col-md-12 col-sm-12 col-xs-12 pt-cv-content-item pt-cv-1-col\" ><div class='pt-cv-ifield'><a href=\"https:\/\/www.dmsjuridica.com\/buscador_20179478954\/corteconstitucionalcronologico202454587\/t-963-12\/\" class=\"_self pt-cv-href-thumbnail pt-cv-thumb-default\" target=\"_self\" ><\/a>\n<div class=\"pt-cv-taxoterm above_title\"><a href='https:\/\/www.dmsjuridica.com\/buscador_20179478954\/corteconstitucionalcronologico202454587\/category\/buscar-en-toda-la-corte\/2012\/tutelas-2012\/' title='Tutelas 2012' class='pt-cv-tax-tutelas-2012'>Tutelas 2012<\/a><\/div>\n<h4 class=\"pt-cv-title\"><a href=\"https:\/\/www.dmsjuridica.com\/buscador_20179478954\/corteconstitucionalcronologico202454587\/t-963-12\/\" class=\"_self\" target=\"_self\" >T-963-12<\/a><\/h4>\n<div class=\"pt-cv-content\">\u00a0 \u00a0 {p} \u00a0 Sentencia T-963\/12 \u00a0 LEGITIMACION EN LA CAUSA POR ACTIVA Y AGENCIA OFICIOSA EN LA ACCION DE TUTELA-Reiteraci\u00f3n de jurisprudencia \u00a0 La acci\u00f3n de tutela puede ser promovida, entre otros, por los padres de personas con discapacidad mental, en este \u00faltimo evento es preciso tener en cuenta que se pretende salvaguardar los derechos fundamentales de quienes no pueden acceder a la administraci\u00f3n de justicia por sus propios medios. Al respecto, la jurisprudencia constitucional ha exigido el cumplimiento de dos requisitos que se enuncian a continuaci\u00f3n para la configuraci\u00f3n de la agencia oficiosa: \u201ci) la necesidad de que ...<br \/><div class=\"pt-cv-rmwrap\"><a href=\"https:\/\/www.dmsjuridica.com\/buscador_20179478954\/corteconstitucionalcronologico202454587\/t-963-12\/\" class=\"_self pt-cv-readmore btn btn-success\" target=\"_self\">Ver Sentencia Completa...<\/a><\/div><\/div><\/div><\/div>\n<div class=\"col-md-12 col-sm-12 col-xs-12 pt-cv-content-item pt-cv-1-col\" ><div class='pt-cv-ifield'><a href=\"https:\/\/www.dmsjuridica.com\/buscador_20179478954\/corteconstitucionalcronologico202454587\/t-962-12\/\" class=\"_self pt-cv-href-thumbnail pt-cv-thumb-default\" target=\"_self\" ><\/a>\n<div class=\"pt-cv-taxoterm above_title\"><a href='https:\/\/www.dmsjuridica.com\/buscador_20179478954\/corteconstitucionalcronologico202454587\/category\/buscar-en-toda-la-corte\/2012\/tutelas-2012\/' title='Tutelas 2012' class='pt-cv-tax-tutelas-2012'>Tutelas 2012<\/a><\/div>\n<h4 class=\"pt-cv-title\"><a href=\"https:\/\/www.dmsjuridica.com\/buscador_20179478954\/corteconstitucionalcronologico202454587\/t-962-12\/\" class=\"_self\" target=\"_self\" >T-962-12<\/a><\/h4>\n<div class=\"pt-cv-content\">\u00a0 \u00a0 Sentencia T-962\/12 \u00a0 CARENCIA ACTUAL DE OBJETO POR HECHO SUPERADO-Reiteraci\u00f3n de jurisprudencia \u00a0 La jurisprudencia de esta Corte ha sostenido que en los casos en los que cesa la acci\u00f3n u omisi\u00f3n que, en principio, gener\u00f3 la vulneraci\u00f3n de los derechos fundamentales, de manera que la pretensi\u00f3n presentada para procurar su defensa, est\u00e1 siendo debidamente satisfecha, la solicitud de amparo pierde eficacia en la medida en que desaparece el objeto jur\u00eddico sobre el que recaer\u00eda una eventual decisi\u00f3n del juez de tutela.\u00a0En consecuencia, cualquier orden de protecci\u00f3n ser\u00eda inocua \u00a0 PENSION DE VEJEZ-No deben hacerse exigibles requisitos gravosos ...<br \/><div class=\"pt-cv-rmwrap\"><a href=\"https:\/\/www.dmsjuridica.com\/buscador_20179478954\/corteconstitucionalcronologico202454587\/t-962-12\/\" class=\"_self pt-cv-readmore btn btn-success\" target=\"_self\">Ver Sentencia Completa...<\/a><\/div><\/div><\/div><\/div>\n<div class=\"col-md-12 col-sm-12 col-xs-12 pt-cv-content-item pt-cv-1-col\" ><div class='pt-cv-ifield'><a href=\"https:\/\/www.dmsjuridica.com\/buscador_20179478954\/corteconstitucionalcronologico202454587\/t-961-12\/\" class=\"_self pt-cv-href-thumbnail pt-cv-thumb-default\" target=\"_self\" ><\/a>\n<div class=\"pt-cv-taxoterm above_title\"><a href='https:\/\/www.dmsjuridica.com\/buscador_20179478954\/corteconstitucionalcronologico202454587\/category\/buscar-en-toda-la-corte\/2012\/tutelas-2012\/' title='Tutelas 2012' class='pt-cv-tax-tutelas-2012'>Tutelas 2012<\/a><\/div>\n<h4 class=\"pt-cv-title\"><a href=\"https:\/\/www.dmsjuridica.com\/buscador_20179478954\/corteconstitucionalcronologico202454587\/t-961-12\/\" class=\"_self\" target=\"_self\" >T-961-12<\/a><\/h4>\n<div class=\"pt-cv-content\">\u00a0 \u00a0 Sentencia T-961\/12\u00a0 \u00a0 PROTECCION CONSTITUCIONAL DEL DERECHO FUNDAMENTAL A LA SALUD-Reiteraci\u00f3n de jurisprudencia \u00a0 DERECHO DE LOS NI\u00d1OS, NI\u00d1AS Y ADOLESCENTES A TENER UNA FAMILIA Y A NO SER SEPARADOS DE ELLA-Reiteraci\u00f3n de jurisprudencia \u00a0 La jurisprudencia de la Corte ha se\u00f1alado que la protecci\u00f3n del derecho a la familia de los ni\u00f1os, ni\u00f1as y adolescentes, implica una garant\u00eda para su desarrollo integral, dado que en estas etapas, necesitan del apoyo moral y psicol\u00f3gico de su familia, fundamentalmente el de sus padres, para evitar cualquier trastorno que pueda afectar su desarrollo personal, de manera que solo excepcionalmente, dicha ...<br \/><div class=\"pt-cv-rmwrap\"><a href=\"https:\/\/www.dmsjuridica.com\/buscador_20179478954\/corteconstitucionalcronologico202454587\/t-961-12\/\" class=\"_self pt-cv-readmore btn btn-success\" target=\"_self\">Ver Sentencia Completa...<\/a><\/div><\/div><\/div><\/div>\n<div class=\"col-md-12 col-sm-12 col-xs-12 pt-cv-content-item pt-cv-1-col\" ><div class='pt-cv-ifield'><a href=\"https:\/\/www.dmsjuridica.com\/buscador_20179478954\/corteconstitucionalcronologico202454587\/t-960-12\/\" class=\"_self pt-cv-href-thumbnail pt-cv-thumb-default\" target=\"_self\" ><\/a>\n<div class=\"pt-cv-taxoterm above_title\"><a href='https:\/\/www.dmsjuridica.com\/buscador_20179478954\/corteconstitucionalcronologico202454587\/category\/buscar-en-toda-la-corte\/2012\/tutelas-2012\/' title='Tutelas 2012' class='pt-cv-tax-tutelas-2012'>Tutelas 2012<\/a><\/div>\n<h4 class=\"pt-cv-title\"><a href=\"https:\/\/www.dmsjuridica.com\/buscador_20179478954\/corteconstitucionalcronologico202454587\/t-960-12\/\" class=\"_self\" target=\"_self\" >T-960-12<\/a><\/h4>\n<div class=\"pt-cv-content\">\u00a0 \u00a0 Sentencia T-960\/12\u00a0 \u00a0 ACCION DE TUTELA PARA EL RECONOCIMIENTO DE INDEMNIZACION SUSTITUTIVA DE LA PENSION DE VEJEZ-Reiteraci\u00f3n de jurisprudencia \u00a0 La Corte ha se\u00f1alado que, por regla general, los conflictos relacionados con el reconocimiento y pago de prestaciones sociales deben ser resueltos por la jurisdicci\u00f3n ordinaria laboral o por la contencioso administrativa, por lo cual la acci\u00f3n de tutela no es el mecanismo judicial id\u00f3neo, salvo que dichos mecanismos sean ineficaces, inexistentes o se configure un perjuicio irremediable \u00a0 PRINCIPIO DE SUBSIDIARIEDAD COMO REQUISITO DE PROCEDIBILIDAD DE LA ACCION DE TUTELA-Reiteraci\u00f3n de jurisprudencia \u00a0 La Sala encuentra que ...<br \/><div class=\"pt-cv-rmwrap\"><a href=\"https:\/\/www.dmsjuridica.com\/buscador_20179478954\/corteconstitucionalcronologico202454587\/t-960-12\/\" class=\"_self pt-cv-readmore btn btn-success\" target=\"_self\">Ver Sentencia Completa...<\/a><\/div><\/div><\/div><\/div>\n<div class=\"col-md-12 col-sm-12 col-xs-12 pt-cv-content-item pt-cv-1-col\" ><div class='pt-cv-ifield'><a href=\"https:\/\/www.dmsjuridica.com\/buscador_20179478954\/corteconstitucionalcronologico202454587\/t-959-12\/\" class=\"_self pt-cv-href-thumbnail pt-cv-thumb-default\" target=\"_self\" ><\/a>\n<div class=\"pt-cv-taxoterm above_title\"><a href='https:\/\/www.dmsjuridica.com\/buscador_20179478954\/corteconstitucionalcronologico202454587\/category\/buscar-en-toda-la-corte\/2012\/tutelas-2012\/' title='Tutelas 2012' class='pt-cv-tax-tutelas-2012'>Tutelas 2012<\/a><\/div>\n<h4 class=\"pt-cv-title\"><a href=\"https:\/\/www.dmsjuridica.com\/buscador_20179478954\/corteconstitucionalcronologico202454587\/t-959-12\/\" class=\"_self\" target=\"_self\" >T-959-12<\/a><\/h4>\n<div class=\"pt-cv-content\">\u00a0 \u00a0 Sentencia T-959\/12 \u00a0 (Bogot\u00e1, D.C., noviembre 20) \u00a0 DERECHO FUNDAMENTAL A LA SALUD-Protecci\u00f3n constitucional \u00a0 DERECHO A LA SALUD DEL INTERNO-Atenci\u00f3n m\u00e9dica adecuada, digna y oportuna \u00a0 DERECHO AL DIAGNOSTICO-Fundamental como parte de la salud \u00a0 La entidad encargada de la prestaci\u00f3n del servicio de salud, independientemente del r\u00e9gimen de salud del cual forme parte, debe velar por brindar una atenci\u00f3n integral y de calidad a todos sus afiliados. Por consiguiente, dicha entidad, ante la disfuncionalidad de alg\u00fan \u00f3rgano o sistema del cuerpo humano de alguno de sus usuarios, tiene la obligaci\u00f3n de emitir un diagn\u00f3stico y de ...<br \/><div class=\"pt-cv-rmwrap\"><a href=\"https:\/\/www.dmsjuridica.com\/buscador_20179478954\/corteconstitucionalcronologico202454587\/t-959-12\/\" class=\"_self pt-cv-readmore btn btn-success\" target=\"_self\">Ver Sentencia Completa...<\/a><\/div><\/div><\/div><\/div>\n<div class=\"col-md-12 col-sm-12 col-xs-12 pt-cv-content-item pt-cv-1-col\" ><div class='pt-cv-ifield'><a href=\"https:\/\/www.dmsjuridica.com\/buscador_20179478954\/corteconstitucionalcronologico202454587\/t-958-12\/\" class=\"_self pt-cv-href-thumbnail pt-cv-thumb-default\" target=\"_self\" ><\/a>\n<div class=\"pt-cv-taxoterm above_title\"><a href='https:\/\/www.dmsjuridica.com\/buscador_20179478954\/corteconstitucionalcronologico202454587\/category\/buscar-en-toda-la-corte\/2012\/tutelas-2012\/' title='Tutelas 2012' class='pt-cv-tax-tutelas-2012'>Tutelas 2012<\/a><\/div>\n<h4 class=\"pt-cv-title\"><a href=\"https:\/\/www.dmsjuridica.com\/buscador_20179478954\/corteconstitucionalcronologico202454587\/t-958-12\/\" class=\"_self\" target=\"_self\" >T-958-12<\/a><\/h4>\n<div class=\"pt-cv-content\">\u00a0 \u00a0 Sentencia T-958\/12\u00a0 \u00a0 \u00a0(Bogot\u00e1, D.C., noviembre 20) \u00a0 PRINCIPIO DE SUBSIDIARIEDAD COMO REQUISITO DE PROCEDIBILIDAD DE LA ACCION DE TUTELA-Reiteraci\u00f3n de jurisprudencia \u00a0 La jurisprudencia constitucional ha se\u00f1alado que si el afectado tuviera a su disposici\u00f3n otros mecanismos judiciales que resultaren eficaces para la protecci\u00f3n que reclama, es su deber acudir a ellos antes de pretender el amparo por v\u00eda de tutela. As\u00ed las cosas, la subsidiaridad implica que el accionante agote previamente los medios de defensa legalmente disponibles para proteger los derechos, pues la tutela no puede desplazar los mecanismos ordinarios de defensa previstos en el ordenamiento ...<br \/><div class=\"pt-cv-rmwrap\"><a href=\"https:\/\/www.dmsjuridica.com\/buscador_20179478954\/corteconstitucionalcronologico202454587\/t-958-12\/\" class=\"_self pt-cv-readmore btn btn-success\" target=\"_self\">Ver Sentencia Completa...<\/a><\/div><\/div><\/div><\/div>\n<div class=\"col-md-12 col-sm-12 col-xs-12 pt-cv-content-item pt-cv-1-col\" ><div class='pt-cv-ifield'><a href=\"https:\/\/www.dmsjuridica.com\/buscador_20179478954\/corteconstitucionalcronologico202454587\/t-957-12\/\" class=\"_self pt-cv-href-thumbnail pt-cv-thumb-default\" target=\"_self\" ><\/a>\n<div class=\"pt-cv-taxoterm above_title\"><a href='https:\/\/www.dmsjuridica.com\/buscador_20179478954\/corteconstitucionalcronologico202454587\/category\/buscar-en-toda-la-corte\/2012\/tutelas-2012\/' title='Tutelas 2012' class='pt-cv-tax-tutelas-2012'>Tutelas 2012<\/a><\/div>\n<h4 class=\"pt-cv-title\"><a href=\"https:\/\/www.dmsjuridica.com\/buscador_20179478954\/corteconstitucionalcronologico202454587\/t-957-12\/\" class=\"_self\" target=\"_self\" >T-957-12<\/a><\/h4>\n<div class=\"pt-cv-content\">\u00a0 \u00a0 Sentencia T-957\/12 \u00a0 \u00a0(Bogot\u00e1, D.C., noviembre 20) \u00a0 ACCION DE TUTELA EN MATERIA PENSIONAL-Procedencia excepcional \u00a0 En un Estado de Derecho existen mecanismos judiciales ordinarios para la satisfacci\u00f3n de los intereses y protecci\u00f3n de los derechos de los ciudadanos, sin embargo cuando de cara a la situaci\u00f3n especial del demandante estos mecanismos resulten ineficaces, inexistentes, o se configure un perjuicio irremediable, la acci\u00f3n de tutela es procedente de forma excepcional como mecanismo de protecci\u00f3n principal o transitorio de los derechos fundamentales. \u00a0 DERECHO A LA SUSTITUCION PENSIONAL \u00a0 Aunque la Ley 100 de 1993 utiliza indistintamente los t\u00e9rminos ...<br \/><div class=\"pt-cv-rmwrap\"><a href=\"https:\/\/www.dmsjuridica.com\/buscador_20179478954\/corteconstitucionalcronologico202454587\/t-957-12\/\" class=\"_self pt-cv-readmore btn btn-success\" target=\"_self\">Ver Sentencia Completa...<\/a><\/div><\/div><\/div><\/div>\n<div class=\"col-md-12 col-sm-12 col-xs-12 pt-cv-content-item pt-cv-1-col\" ><div class='pt-cv-ifield'><a href=\"https:\/\/www.dmsjuridica.com\/buscador_20179478954\/corteconstitucionalcronologico202454587\/t-956-12\/\" class=\"_self pt-cv-href-thumbnail pt-cv-thumb-default\" target=\"_self\" ><\/a>\n<div class=\"pt-cv-taxoterm above_title\"><a href='https:\/\/www.dmsjuridica.com\/buscador_20179478954\/corteconstitucionalcronologico202454587\/category\/buscar-en-toda-la-corte\/2012\/tutelas-2012\/' title='Tutelas 2012' class='pt-cv-tax-tutelas-2012'>Tutelas 2012<\/a><\/div>\n<h4 class=\"pt-cv-title\"><a href=\"https:\/\/www.dmsjuridica.com\/buscador_20179478954\/corteconstitucionalcronologico202454587\/t-956-12\/\" class=\"_self\" target=\"_self\" >T-956-12<\/a><\/h4>\n<div class=\"pt-cv-content\">\u00a0 \u00a0 Sentencia T-956\/12\u00a0 \u00a0 (Bogot\u00e1, D.C., 20 de noviembre) \u00a0 REGIMEN DE TRANSICION EN PENSION DE VEJEZ\/REGIMEN ESPECIAL PARA ACTIVIDADES DE ALTO RIESGO \u00a0 DERECHO A LA SEGURIDAD SOCIAL EN PENSIONES \u00a0 El derecho a la seguridad social de un afiliado es vulnerado por parte de la administradora de pensiones que no ejerce oportunamente el cobro de los aportes a la seguridad social en pensiones dejados de cancelar por el empleador, m\u00e1xime cuando por esa dilaci\u00f3n se impide la consolidaci\u00f3n del derecho pensional. \u00a0 ACCION DE TUTELA PARA RECONOCIMIENTO DE PENSION DE VEJEZ-Orden al ISS de reconocer la pensi\u00f3n ...<br \/><div class=\"pt-cv-rmwrap\"><a href=\"https:\/\/www.dmsjuridica.com\/buscador_20179478954\/corteconstitucionalcronologico202454587\/t-956-12\/\" class=\"_self pt-cv-readmore btn btn-success\" target=\"_self\">Ver Sentencia Completa...<\/a><\/div><\/div><\/div><\/div>\n<div class=\"col-md-12 col-sm-12 col-xs-12 pt-cv-content-item pt-cv-1-col\" ><div class='pt-cv-ifield'><a href=\"https:\/\/www.dmsjuridica.com\/buscador_20179478954\/corteconstitucionalcronologico202454587\/t-955-12\/\" class=\"_self pt-cv-href-thumbnail pt-cv-thumb-default\" target=\"_self\" ><\/a>\n<div class=\"pt-cv-taxoterm above_title\"><a href='https:\/\/www.dmsjuridica.com\/buscador_20179478954\/corteconstitucionalcronologico202454587\/category\/buscar-en-toda-la-corte\/2012\/tutelas-2012\/' title='Tutelas 2012' class='pt-cv-tax-tutelas-2012'>Tutelas 2012<\/a><\/div>\n<h4 class=\"pt-cv-title\"><a href=\"https:\/\/www.dmsjuridica.com\/buscador_20179478954\/corteconstitucionalcronologico202454587\/t-955-12\/\" class=\"_self\" target=\"_self\" >T-955-12<\/a><\/h4>\n<div class=\"pt-cv-content\">\u00a0 \u00a0 Sentencia T-955\/12 \u00a0 (Bogot\u00e1, D.C., noviembre 20) \u00a0 DERECHO DE PETICION-Reiteraci\u00f3n de jurisprudencia \u00a0 DERECHO DE PETICION DE DESPLAZADOS-Doble connotaci\u00f3n respecto al car\u00e1cter fundamental del derecho y como sujeto de especial protecci\u00f3n respecto a la calidad de desplazado \u00a0 Cuando el solicitante es un sujeto de especial protecci\u00f3n constitucional, el derecho de petici\u00f3n cobra mayor importancia y por lo tanto demanda de las autoridades mayor eficiencia en su respuesta, pues al garantizar este derecho a su vez se est\u00e1n garantizando otros que pueden tener una directa relaci\u00f3n con la protecci\u00f3n del derecho al m\u00ednimo vital de la persona.\u00a0 ...<br \/><div class=\"pt-cv-rmwrap\"><a href=\"https:\/\/www.dmsjuridica.com\/buscador_20179478954\/corteconstitucionalcronologico202454587\/t-955-12\/\" class=\"_self pt-cv-readmore btn btn-success\" target=\"_self\">Ver Sentencia Completa...<\/a><\/div><\/div><\/div><\/div>\n<div class=\"col-md-12 col-sm-12 col-xs-12 pt-cv-content-item pt-cv-1-col\" ><div class='pt-cv-ifield'><a href=\"https:\/\/www.dmsjuridica.com\/buscador_20179478954\/corteconstitucionalcronologico202454587\/t-954-12\/\" class=\"_self pt-cv-href-thumbnail pt-cv-thumb-default\" target=\"_self\" ><\/a>\n<div class=\"pt-cv-taxoterm above_title\"><a href='https:\/\/www.dmsjuridica.com\/buscador_20179478954\/corteconstitucionalcronologico202454587\/category\/buscar-en-toda-la-corte\/2012\/tutelas-2012\/' title='Tutelas 2012' class='pt-cv-tax-tutelas-2012'>Tutelas 2012<\/a><\/div>\n<h4 class=\"pt-cv-title\"><a href=\"https:\/\/www.dmsjuridica.com\/buscador_20179478954\/corteconstitucionalcronologico202454587\/t-954-12\/\" class=\"_self\" target=\"_self\" >T-954-12<\/a><\/h4>\n<div class=\"pt-cv-content\">\u00a0 \u00a0 Sentencia T-954\/12 \u00a0 (Bogot\u00e1 D.C., noviembre 20) \u00a0 PRINCIPIO DE SUBSIDIARIEDAD COMO REQUISITO DE PROCEDIBILIDAD DE LA ACCION DE TUTELA-Reiteraci\u00f3n de jurisprudencia \u00a0 El art\u00edculo 86 constitucional impone la obligaci\u00f3n a los ciudadanos de agotar los procedimientos administrativos so pena que la acci\u00f3n sea declarada improcedente, a no ser que se este frente a la ocurrencia de un perjuicio irremediable. En el caso concreto, se evidencia que el accionante no se encuentra frente a la ocurrencia de un perjuicio irremediable, o al menos esta situaci\u00f3n no es manifestada en la tutela y mucho menos demostrada. Por otra parte, ...<br \/><div class=\"pt-cv-rmwrap\"><a href=\"https:\/\/www.dmsjuridica.com\/buscador_20179478954\/corteconstitucionalcronologico202454587\/t-954-12\/\" class=\"_self pt-cv-readmore btn btn-success\" target=\"_self\">Ver Sentencia Completa...<\/a><\/div><\/div><\/div><\/div>\n<div class=\"col-md-12 col-sm-12 col-xs-12 pt-cv-content-item pt-cv-1-col\" ><div class='pt-cv-ifield'><a href=\"https:\/\/www.dmsjuridica.com\/buscador_20179478954\/corteconstitucionalcronologico202454587\/t-953-12\/\" class=\"_self pt-cv-href-thumbnail pt-cv-thumb-default\" target=\"_self\" ><\/a>\n<div class=\"pt-cv-taxoterm above_title\"><a href='https:\/\/www.dmsjuridica.com\/buscador_20179478954\/corteconstitucionalcronologico202454587\/category\/buscar-en-toda-la-corte\/2012\/tutelas-2012\/' title='Tutelas 2012' class='pt-cv-tax-tutelas-2012'>Tutelas 2012<\/a><\/div>\n<h4 class=\"pt-cv-title\"><a href=\"https:\/\/www.dmsjuridica.com\/buscador_20179478954\/corteconstitucionalcronologico202454587\/t-953-12\/\" class=\"_self\" target=\"_self\" >T-953-12<\/a><\/h4>\n<div class=\"pt-cv-content\">\u00a0 \u00a0 Sentencia T-953\/12 \u00a0 (Bogot\u00e1, D.C., 20 noviembre) \u00a0 DERECHO A LA ESTABILIDAD LABORAL REFORZADA DE MUJER EMBARAZADA-Inexistencia de autorizaci\u00f3n previa del funcionario de trabajo \u00a0 DERECHO A LA ESTABILIDAD LABORAL REFORZADA DE MUJER EMBARAZADA-Caso en que no procede el amparo por no determinarse la existencia de una relaci\u00f3n laboral \u00a0 Referencia: Expedientes T-3.481.060 \u00a0 \u00a0\u00a0 \u00a0 \u00a0 \u00a0 Fallos de tutela objeto revisi\u00f3n: Sentencia del Juzgado Treinta Penal del Circuito con Funci\u00f3n de Conocimiento de Bogot\u00e1 del 23 de febrero de 2012 que revoc\u00f3 el fallo proferido por el Juzgado Cuarto Penal Municipal con Funci\u00f3n de Control de ...<br \/><div class=\"pt-cv-rmwrap\"><a href=\"https:\/\/www.dmsjuridica.com\/buscador_20179478954\/corteconstitucionalcronologico202454587\/t-953-12\/\" class=\"_self pt-cv-readmore btn btn-success\" target=\"_self\">Ver Sentencia Completa...<\/a><\/div><\/div><\/div><\/div>\n<div class=\"col-md-12 col-sm-12 col-xs-12 pt-cv-content-item pt-cv-1-col\" ><div class='pt-cv-ifield'><a href=\"https:\/\/www.dmsjuridica.com\/buscador_20179478954\/corteconstitucionalcronologico202454587\/t-952-12\/\" class=\"_self pt-cv-href-thumbnail pt-cv-thumb-default\" target=\"_self\" ><\/a>\n<div class=\"pt-cv-taxoterm above_title\"><a href='https:\/\/www.dmsjuridica.com\/buscador_20179478954\/corteconstitucionalcronologico202454587\/category\/buscar-en-toda-la-corte\/2012\/tutelas-2012\/' title='Tutelas 2012' class='pt-cv-tax-tutelas-2012'>Tutelas 2012<\/a><\/div>\n<h4 class=\"pt-cv-title\"><a href=\"https:\/\/www.dmsjuridica.com\/buscador_20179478954\/corteconstitucionalcronologico202454587\/t-952-12\/\" class=\"_self\" target=\"_self\" >T-952-12<\/a><\/h4>\n<div class=\"pt-cv-content\">\u00a0 \u00a0 Sentencia T-952\/12 \u00a0 ACCION DE TUTELA PARA RECONOCIMIENTO DE ACREENCIAS LABORALES-Improcedencia general para solicitar prestaciones laborales de contenido econ\u00f3mico diferentes al salario y por no existir perjuicio irremediable \u00a0 La Corte ha sido clara en precisar que en principio, el reconocimiento de acreencias laborales mediante acci\u00f3n de tutela resulta improcedente, pues el ordenamiento jur\u00eddico ha dispuesto medios judiciales espec\u00edficos para la soluci\u00f3n de este tipo de conflictos, ya sea, en la jurisdicci\u00f3n laboral ordinaria o en la contencioso administrativa, seg\u00fan el caso. La acci\u00f3n de tutela no es el mecanismo id\u00f3neo para obtener el pago de acreencias laborales, ...<br \/><div class=\"pt-cv-rmwrap\"><a href=\"https:\/\/www.dmsjuridica.com\/buscador_20179478954\/corteconstitucionalcronologico202454587\/t-952-12\/\" class=\"_self pt-cv-readmore btn btn-success\" target=\"_self\">Ver Sentencia Completa...<\/a><\/div><\/div><\/div><\/div>\n<div class=\"col-md-12 col-sm-12 col-xs-12 pt-cv-content-item pt-cv-1-col\" ><div class='pt-cv-ifield'><a href=\"https:\/\/www.dmsjuridica.com\/buscador_20179478954\/corteconstitucionalcronologico202454587\/t-948-12\/\" class=\"_self pt-cv-href-thumbnail pt-cv-thumb-default\" target=\"_self\" ><\/a>\n<div class=\"pt-cv-taxoterm above_title\"><a href='https:\/\/www.dmsjuridica.com\/buscador_20179478954\/corteconstitucionalcronologico202454587\/category\/buscar-en-toda-la-corte\/2012\/tutelas-2012\/' title='Tutelas 2012' class='pt-cv-tax-tutelas-2012'>Tutelas 2012<\/a><\/div>\n<h4 class=\"pt-cv-title\"><a href=\"https:\/\/www.dmsjuridica.com\/buscador_20179478954\/corteconstitucionalcronologico202454587\/t-948-12\/\" class=\"_self\" target=\"_self\" >T-948-12<\/a><\/h4>\n<div class=\"pt-cv-content\">\u00a0 \u00a0 Sentencia T-948\/12 \u00a0 ACCION DE TUTELA CONTRA PROVIDENCIAS JUDICIALES-Reiteraci\u00f3n de jurisprudencia sobre procedencia excepcional \u00a0 La acci\u00f3n de tutela no puede admit\u00edrsele, bajo ning\u00fan motivo, como un medio judicial alternativo, adicional o complementario de los establecidos por la ley para la defensa de los derechos, pues con ella no se busca reemplazar los procesos ordinarios o especiales y, menos a\u00fan, desconocer los mecanismos dispuestos en estos procesos para controvertir las decisiones que se adopten.\u00a0 \u00a0 ACCION DE TUTELA CONTRA PROVIDENCIAS JUDICIALES-Requisitos generales \u00a0 Tambi\u00e9n denominados requisitos formales, debe decirse que son aquellos presupuestos cuyo cumplimiento habilitan al juez ...<br \/><div class=\"pt-cv-rmwrap\"><a href=\"https:\/\/www.dmsjuridica.com\/buscador_20179478954\/corteconstitucionalcronologico202454587\/t-948-12\/\" class=\"_self pt-cv-readmore btn btn-success\" target=\"_self\">Ver Sentencia Completa...<\/a><\/div><\/div><\/div><\/div>\n<div class=\"col-md-12 col-sm-12 col-xs-12 pt-cv-content-item pt-cv-1-col\" ><div class='pt-cv-ifield'><a href=\"https:\/\/www.dmsjuridica.com\/buscador_20179478954\/corteconstitucionalcronologico202454587\/t-947-12\/\" class=\"_self pt-cv-href-thumbnail pt-cv-thumb-default\" target=\"_self\" ><\/a>\n<div class=\"pt-cv-taxoterm above_title\"><a href='https:\/\/www.dmsjuridica.com\/buscador_20179478954\/corteconstitucionalcronologico202454587\/category\/buscar-en-toda-la-corte\/2012\/tutelas-2012\/' title='Tutelas 2012' class='pt-cv-tax-tutelas-2012'>Tutelas 2012<\/a><\/div>\n<h4 class=\"pt-cv-title\"><a href=\"https:\/\/www.dmsjuridica.com\/buscador_20179478954\/corteconstitucionalcronologico202454587\/t-947-12\/\" class=\"_self\" target=\"_self\" >T-947-12<\/a><\/h4>\n<div class=\"pt-cv-content\">\u00a0 \u00a0 Sentencia T-947\/12 \u00a0 ACCION DE TUTELA PARA IMPUGNAR NOMBRAMIENTO DE FUNCIONARIOS DE CARRERA-Procedencia excepcional cuando el agotamiento de los medios de defensa judicial no permite que el afectado acceda oportunamente al cargo al que tiene derecho \u00a0\u00a0 \u00a0 Sin embargo, en el caso de la provisi\u00c3\u00b3n de cargos p\u00c3\u00bablicos a trav\u00c3\u00a9s de \u00a0concursos de m\u00c3\u00a9ritos, se ha establecido que las acciones ordinarias como es la acci\u00c3\u00b3n de nulidad y restablecimiento del derecho, dilatan la obtenci\u00c3\u00b3n de los fines que persiguen. As\u00c3\u00ad mismo, estas acciones no poseen, por la forma como est\u00c3\u00a1n estructurados los procesos, la capacidad de brindar ...<br \/><div class=\"pt-cv-rmwrap\"><a href=\"https:\/\/www.dmsjuridica.com\/buscador_20179478954\/corteconstitucionalcronologico202454587\/t-947-12\/\" class=\"_self pt-cv-readmore btn btn-success\" target=\"_self\">Ver Sentencia Completa...<\/a><\/div><\/div><\/div><\/div>\n<div class=\"col-md-12 col-sm-12 col-xs-12 pt-cv-content-item pt-cv-1-col\" ><div class='pt-cv-ifield'><a href=\"https:\/\/www.dmsjuridica.com\/buscador_20179478954\/corteconstitucionalcronologico202454587\/t-946-12\/\" class=\"_self pt-cv-href-thumbnail pt-cv-thumb-default\" target=\"_self\" ><\/a>\n<div class=\"pt-cv-taxoterm above_title\"><a href='https:\/\/www.dmsjuridica.com\/buscador_20179478954\/corteconstitucionalcronologico202454587\/category\/buscar-en-toda-la-corte\/2012\/tutelas-2012\/' title='Tutelas 2012' class='pt-cv-tax-tutelas-2012'>Tutelas 2012<\/a><\/div>\n<h4 class=\"pt-cv-title\"><a href=\"https:\/\/www.dmsjuridica.com\/buscador_20179478954\/corteconstitucionalcronologico202454587\/t-946-12\/\" class=\"_self\" target=\"_self\" >T-946-12<\/a><\/h4>\n<div class=\"pt-cv-content\">\u00a0 \u00a0 Sentencia T-946\/12 \u00a0 ACCION DE TUTELA DE DOCENTE E HIJOS MENORES DE EDAD CONTRA SECRETARIA DE EDUCACION DEPARTAMENTAL-Amparo de unidad familiar y trabajo por traslado de instituci\u00f3n\u00a0educativa \u00a0 \u00a0 \u00a0 ACCION DE TUTELA PARA CONTROVERTIR ACTOS ADMINISTRATIVOS QUE ORDENAN TRASLADOS LABORALES-Procedencia excepcional \u00a0 \u00a0 \u00a0 EJERCICIO DEL IUS VARIANDI-Limites del empleador \u00a0 \u00a0 \u00a0 IUS VARIANDI-Manifestaci\u00f3n del poder de subordinaci\u00f3n que ejerce empleador sobre empleados que se concreta en la facultad de variar las condiciones en que se realiza la prestaci\u00f3n personal del servicio \u00a0 \u00a0 \u00a0 \u00a0 \u00a0 TRASLADO DE DOCENTE-Modalidades \u00a0 \u00a0 \u00a0 TRASLADO DE DOCENTE-Discrecionalidad ...<br \/><div class=\"pt-cv-rmwrap\"><a href=\"https:\/\/www.dmsjuridica.com\/buscador_20179478954\/corteconstitucionalcronologico202454587\/t-946-12\/\" class=\"_self pt-cv-readmore btn btn-success\" target=\"_self\">Ver Sentencia Completa...<\/a><\/div><\/div><\/div><\/div>\n<div class=\"col-md-12 col-sm-12 col-xs-12 pt-cv-content-item pt-cv-1-col\" ><div class='pt-cv-ifield'><a href=\"https:\/\/www.dmsjuridica.com\/buscador_20179478954\/corteconstitucionalcronologico202454587\/t-942-12\/\" class=\"_self pt-cv-href-thumbnail pt-cv-thumb-default\" target=\"_self\" ><\/a>\n<div class=\"pt-cv-taxoterm above_title\"><a href='https:\/\/www.dmsjuridica.com\/buscador_20179478954\/corteconstitucionalcronologico202454587\/category\/buscar-en-toda-la-corte\/2012\/tutelas-2012\/' title='Tutelas 2012' class='pt-cv-tax-tutelas-2012'>Tutelas 2012<\/a><\/div>\n<h4 class=\"pt-cv-title\"><a href=\"https:\/\/www.dmsjuridica.com\/buscador_20179478954\/corteconstitucionalcronologico202454587\/t-942-12\/\" class=\"_self\" target=\"_self\" >T-942-12<\/a><\/h4>\n<div class=\"pt-cv-content\">\u00a0 \u00a0 Sentencia T-942\/12 \u00a0 HECHO SUPERADO-Concepto \u00a0 CARENCIA ACTUAL DE OBJETO POR HECHO SUPERADO-Caso en que le fue reconocida y pagada pensi\u00f3n de sobreviviente a mujer con hemiplejia derecha e hipertensi\u00f3n arterial clase II \u00a0 Referencia: expediente T- 3.564.326 \u00a0 \u00a0 \u00a0 \u00a0 \u00a0 \u00a0 Acci\u00f3n de tutela instaurada por: Blanca Osorio Pimienta contra el Instituto de Seguros Sociales.\u00a0 \u00a0 Magistrado Ponente:\u00a0 \u00a0 LUIS ERNESTO VARGAS SILVA \u00a0 Bogot\u00e1, DC., catorce (14) de noviembre de dos mil doce (2012) \u00a0 La Sala Novena de Revisi\u00f3n de la Corte Constitucional, integrada por los magistrados Mar\u00eda Victoria Calle Correa, Mauricio Gonz\u00e1lez ...<br \/><div class=\"pt-cv-rmwrap\"><a href=\"https:\/\/www.dmsjuridica.com\/buscador_20179478954\/corteconstitucionalcronologico202454587\/t-942-12\/\" class=\"_self pt-cv-readmore btn btn-success\" target=\"_self\">Ver Sentencia Completa...<\/a><\/div><\/div><\/div><\/div>\n<div class=\"col-md-12 col-sm-12 col-xs-12 pt-cv-content-item pt-cv-1-col\" ><div class='pt-cv-ifield'><a href=\"https:\/\/www.dmsjuridica.com\/buscador_20179478954\/corteconstitucionalcronologico202454587\/t-941-12\/\" class=\"_self pt-cv-href-thumbnail pt-cv-thumb-default\" target=\"_self\" ><\/a>\n<div class=\"pt-cv-taxoterm above_title\"><a href='https:\/\/www.dmsjuridica.com\/buscador_20179478954\/corteconstitucionalcronologico202454587\/category\/buscar-en-toda-la-corte\/2012\/tutelas-2012\/' title='Tutelas 2012' class='pt-cv-tax-tutelas-2012'>Tutelas 2012<\/a><\/div>\n<h4 class=\"pt-cv-title\"><a href=\"https:\/\/www.dmsjuridica.com\/buscador_20179478954\/corteconstitucionalcronologico202454587\/t-941-12\/\" class=\"_self\" target=\"_self\" >T-941-12<\/a><\/h4>\n<div class=\"pt-cv-content\">\u00a0 \u00a0 Sentencia T-941\/12 \u00a0 ACCION DE TUTELA CONTRA PROVIDENCIAS JUDICIALES-Reiteraci\u00f3n de jurisprudencia \u00a0 \u00a0 \u00a0 ACCION DE TUTELA-Improcedencia al no cumplir presupuestos de procedibilidad y procedencia sin entrar a estudiar presupuestos restantes por econom\u00eda procesal \u00a0 \u00a0 \u00a0 ACCION DE TUTELA PARA OBTENER REAJUSTE PENSIONAL-Improcedencia por no agotar recurso extraordinario de casaci\u00f3n \u00a0 Referencia: expediente T \u2013 3501479 \u00a0 Acci\u00f3n de tutela instaurada por Joaqu\u00edn Ram\u00f3n Amaya Lafaurie contra la Sala Laboral del Tribunal Superior de Santa Marta y otros. \u00a0 Magistrado Sustanciador: \u00a0 LUIS ERNESTO VARGAS SILVA\u00a0 \u00a0 Bogot\u00e1, D.C., catorce (14) de noviembre de dos mil doce ...<br \/><div class=\"pt-cv-rmwrap\"><a href=\"https:\/\/www.dmsjuridica.com\/buscador_20179478954\/corteconstitucionalcronologico202454587\/t-941-12\/\" class=\"_self pt-cv-readmore btn btn-success\" target=\"_self\">Ver Sentencia Completa...<\/a><\/div><\/div><\/div><\/div>\n<div class=\"col-md-12 col-sm-12 col-xs-12 pt-cv-content-item pt-cv-1-col\" ><div class='pt-cv-ifield'><a href=\"https:\/\/www.dmsjuridica.com\/buscador_20179478954\/corteconstitucionalcronologico202454587\/t-940-12\/\" class=\"_self pt-cv-href-thumbnail pt-cv-thumb-default\" target=\"_self\" ><\/a>\n<div class=\"pt-cv-taxoterm above_title\"><a href='https:\/\/www.dmsjuridica.com\/buscador_20179478954\/corteconstitucionalcronologico202454587\/category\/buscar-en-toda-la-corte\/2012\/tutelas-2012\/' title='Tutelas 2012' class='pt-cv-tax-tutelas-2012'>Tutelas 2012<\/a><\/div>\n<h4 class=\"pt-cv-title\"><a href=\"https:\/\/www.dmsjuridica.com\/buscador_20179478954\/corteconstitucionalcronologico202454587\/t-940-12\/\" class=\"_self\" target=\"_self\" >T-940-12<\/a><\/h4>\n<div class=\"pt-cv-content\">\u00a0 \u00a0 \u00a0 \u00a0 Sentencia T-940\/12 \u00a0 DIGNIDAD HUMANA Y SERVICIO PUBLICO ESENCIAL DE SALUD-Consagraci\u00f3n constitucional \u00a0 DIGNIDAD HUMANA-Objetos de protecci\u00f3n \u00a0 \u00a0 \u00a0 DERECHO A LA SALUD-Coadyuva a la realizaci\u00f3n de la dignidad humana y existencia en condiciones dignas \u00a0 \u00a0 \u00a0 DERECHO A LA SALUD-Prestaci\u00f3n como servicio dentro del Sistema General de Seguridad Social en Salud \u00a0 \u00a0 \u00a0 DERECHO A LA SALUD EN CONSONANCIA CON LA DIGNIDAD HUMANA-Doble connotaci\u00f3n \u00a0 \u00a0 \u00a0 DERECHO A LA SALUD-Facetas \u00a0 \u00a0 \u00a0 SISTEMA DE SEGURIDAD SOCIAL EN SALUD-Principio de integralidad \u00a0 \u00a0 \u00a0 DERECHO AL DIAGNOSTICO-Contenido dentro de los niveles ...<br \/><div class=\"pt-cv-rmwrap\"><a href=\"https:\/\/www.dmsjuridica.com\/buscador_20179478954\/corteconstitucionalcronologico202454587\/t-940-12\/\" class=\"_self pt-cv-readmore btn btn-success\" target=\"_self\">Ver Sentencia Completa...<\/a><\/div><\/div><\/div><\/div>\n<div class=\"col-md-12 col-sm-12 col-xs-12 pt-cv-content-item pt-cv-1-col\" ><div class='pt-cv-ifield'><a href=\"https:\/\/www.dmsjuridica.com\/buscador_20179478954\/corteconstitucionalcronologico202454587\/t-939-12\/\" class=\"_self pt-cv-href-thumbnail pt-cv-thumb-default\" target=\"_self\" ><\/a>\n<div class=\"pt-cv-taxoterm above_title\"><a href='https:\/\/www.dmsjuridica.com\/buscador_20179478954\/corteconstitucionalcronologico202454587\/category\/buscar-en-toda-la-corte\/2012\/tutelas-2012\/' title='Tutelas 2012' class='pt-cv-tax-tutelas-2012'>Tutelas 2012<\/a><\/div>\n<h4 class=\"pt-cv-title\"><a href=\"https:\/\/www.dmsjuridica.com\/buscador_20179478954\/corteconstitucionalcronologico202454587\/t-939-12\/\" class=\"_self\" target=\"_self\" >T-939-12<\/a><\/h4>\n<div class=\"pt-cv-content\">\u00a0 \u00a0 Sentencia T-939\/12 \u00a0 ACCION DE TUTELA Y PRINCIPIO DE SUBSIDIARIEDAD-Procedencia excepcional cuando exista perjuicio irremediable \u00a0 PRINCIPIO DE SUBSIDIARIEDAD-Implica agotar con antelaci\u00f3n los medios de defensa regularmente disponibles \u00a0 ACCION DE TUTELA CONTRA LA DIRECCION DE IMPUESTOS Y ADUANAS NACIONALES-Caso en que no se agotan mecanismos de defensa dentro de proceso de cobro coactivo\u00a0\u00a0\u00a0 \u00a0 Referencia: expediente T-3531779 \u00a0 Acci\u00f3n de tutela presentada por Mar\u00eda Beatriz Burgos de Bedout, Diego Burgos Ram\u00edrez, \u00a0Juanita Burgos de Bedout, Luis Javier Burgos de Bedout y Mar\u00eda Fernanda de Bedout de Burgos contra la Direcci\u00f3n de Impuestos y Aduanas Nacionales DIAN. \u00a0 ...<br \/><div class=\"pt-cv-rmwrap\"><a href=\"https:\/\/www.dmsjuridica.com\/buscador_20179478954\/corteconstitucionalcronologico202454587\/t-939-12\/\" class=\"_self pt-cv-readmore btn btn-success\" target=\"_self\">Ver Sentencia Completa...<\/a><\/div><\/div><\/div><\/div>\n<div class=\"col-md-12 col-sm-12 col-xs-12 pt-cv-content-item pt-cv-1-col\" ><div class='pt-cv-ifield'><a href=\"https:\/\/www.dmsjuridica.com\/buscador_20179478954\/corteconstitucionalcronologico202454587\/t-938-12\/\" class=\"_self pt-cv-href-thumbnail pt-cv-thumb-default\" target=\"_self\" ><\/a>\n<div class=\"pt-cv-taxoterm above_title\"><a href='https:\/\/www.dmsjuridica.com\/buscador_20179478954\/corteconstitucionalcronologico202454587\/category\/buscar-en-toda-la-corte\/2012\/tutelas-2012\/' title='Tutelas 2012' class='pt-cv-tax-tutelas-2012'>Tutelas 2012<\/a><\/div>\n<h4 class=\"pt-cv-title\"><a href=\"https:\/\/www.dmsjuridica.com\/buscador_20179478954\/corteconstitucionalcronologico202454587\/t-938-12\/\" class=\"_self\" target=\"_self\" >T-938-12<\/a><\/h4>\n<div class=\"pt-cv-content\">\u00a0 \u00a0 Sentencia T-938\/12 \u00a0 DERECHO A LA EDUCACION DE MENOR DE EDAD Y DERECHO DE PETICION-Fundamental \u00a0 \u00a0 \u00a0 ACCION DE TUTELA CONTRA PARTICULAR ENCARGADO DE PRESTACION DE SERVICIO PUBLICO DE EDUCACION-Procedencia \u00a0 \u00a0 \u00a0 LEGITIMACION POR PASIVA DE LA SECRETARIA DE EDUCACION-Deber de velar por la educaci\u00f3n de todos los menores bajo su jurisdicci\u00f3n sin importar la naturaleza del centro educativo \u00a0 \u00a0 \u00a0 LEGITIMACION POR ACTIVA-Representaci\u00f3n legal de madre de menor de edad para obtener entrega de certificados de estudio \u00a0 \u00a0 \u00a0 PRINCIPIO DE SUBSIDIARIEDAD DE LA ACCION DE TUTELA-Procedencia excepcional en caso de no existir ...<br \/><div class=\"pt-cv-rmwrap\"><a href=\"https:\/\/www.dmsjuridica.com\/buscador_20179478954\/corteconstitucionalcronologico202454587\/t-938-12\/\" class=\"_self pt-cv-readmore btn btn-success\" target=\"_self\">Ver Sentencia Completa...<\/a><\/div><\/div><\/div><\/div>\n<div class=\"col-md-12 col-sm-12 col-xs-12 pt-cv-content-item pt-cv-1-col\" ><div class='pt-cv-ifield'><a href=\"https:\/\/www.dmsjuridica.com\/buscador_20179478954\/corteconstitucionalcronologico202454587\/t-937-12\/\" class=\"_self pt-cv-href-thumbnail pt-cv-thumb-default\" target=\"_self\" ><\/a>\n<div class=\"pt-cv-taxoterm above_title\"><a href='https:\/\/www.dmsjuridica.com\/buscador_20179478954\/corteconstitucionalcronologico202454587\/category\/buscar-en-toda-la-corte\/2012\/tutelas-2012\/' title='Tutelas 2012' class='pt-cv-tax-tutelas-2012'>Tutelas 2012<\/a><\/div>\n<h4 class=\"pt-cv-title\"><a href=\"https:\/\/www.dmsjuridica.com\/buscador_20179478954\/corteconstitucionalcronologico202454587\/t-937-12\/\" class=\"_self\" target=\"_self\" >T-937-12<\/a><\/h4>\n<div class=\"pt-cv-content\">\u00a0 \u00a0 Sentencia T-937\/12 \u00a0 DERECHO A LA VIVIENDA DIGNA-Reiteraci\u00f3n de jurisprudencia \u00a0 El derecho a la vivienda digna ha sido definido como aqu\u00e9l que se dirige a satisfacer la necesidad de disponer de un sitio, sea propio o ajeno, que sirva como lugar de habitaci\u00f3n y que cuente con las condiciones necesarias para que quienes all\u00ed residan puedan realizar dignamente su proyecto de vida. La jurisprudencia constitucional ha sostenido que la protecci\u00f3n del derecho a la vivienda digna puede ser invocada, de manera directa, por la v\u00eda de acci\u00f3n de tutela. \u00a0 SUBSIDIO FAMILIAR DE VIVIENDA-Marco constitucional y legal ...<br \/><div class=\"pt-cv-rmwrap\"><a href=\"https:\/\/www.dmsjuridica.com\/buscador_20179478954\/corteconstitucionalcronologico202454587\/t-937-12\/\" class=\"_self pt-cv-readmore btn btn-success\" target=\"_self\">Ver Sentencia Completa...<\/a><\/div><\/div><\/div><\/div>\n<div class=\"col-md-12 col-sm-12 col-xs-12 pt-cv-content-item pt-cv-1-col\" ><div class='pt-cv-ifield'><a href=\"https:\/\/www.dmsjuridica.com\/buscador_20179478954\/corteconstitucionalcronologico202454587\/t-935-12\/\" class=\"_self pt-cv-href-thumbnail pt-cv-thumb-default\" target=\"_self\" ><\/a>\n<div class=\"pt-cv-taxoterm above_title\"><a href='https:\/\/www.dmsjuridica.com\/buscador_20179478954\/corteconstitucionalcronologico202454587\/category\/buscar-en-toda-la-corte\/2012\/tutelas-2012\/' title='Tutelas 2012' class='pt-cv-tax-tutelas-2012'>Tutelas 2012<\/a><\/div>\n<h4 class=\"pt-cv-title\"><a href=\"https:\/\/www.dmsjuridica.com\/buscador_20179478954\/corteconstitucionalcronologico202454587\/t-935-12\/\" class=\"_self\" target=\"_self\" >T-935-12<\/a><\/h4>\n<div class=\"pt-cv-content\">\u00a0 \u00a0 Sentencia T-935\/12 \u00a0 ACCION DE TUTELA CONTRA PARTICULARES-Procedencia excepcional \u00a0 PRINCIPIO DE INMEDIATEZ COMO REQUISITO DE PROCEDIBILIDAD DE LA ACCION DE TUTELA \u00a0 Si bien la jurisprudencia constitucional ha establecido que aunque no existe t\u00e9rmino expreso de caducidad para la acci\u00f3n de tutela, la inmediatez en su interposici\u00f3n s\u00ed constituye un requisito de procedibilidad de la acci\u00f3n, pues \u00e9sta debe ser intentada dentro de un plazo razonable y oportuno, lo cual es coherente con el fin de la acci\u00f3n de tutela y la urgencia manifiesta de proteger el derecho fundamental conculcado.\u00a0 \u00a0 PRINCIPIO DE SUBSIDIARIEDAD DE LA ACCION ...<br \/><div class=\"pt-cv-rmwrap\"><a href=\"https:\/\/www.dmsjuridica.com\/buscador_20179478954\/corteconstitucionalcronologico202454587\/t-935-12\/\" class=\"_self pt-cv-readmore btn btn-success\" target=\"_self\">Ver Sentencia Completa...<\/a><\/div><\/div><\/div><\/div>\n<div class=\"col-md-12 col-sm-12 col-xs-12 pt-cv-content-item pt-cv-1-col\" ><div class='pt-cv-ifield'><a href=\"https:\/\/www.dmsjuridica.com\/buscador_20179478954\/corteconstitucionalcronologico202454587\/t-934-12\/\" class=\"_self pt-cv-href-thumbnail pt-cv-thumb-default\" target=\"_self\" ><\/a>\n<div class=\"pt-cv-taxoterm above_title\"><a href='https:\/\/www.dmsjuridica.com\/buscador_20179478954\/corteconstitucionalcronologico202454587\/category\/buscar-en-toda-la-corte\/2012\/tutelas-2012\/' title='Tutelas 2012' class='pt-cv-tax-tutelas-2012'>Tutelas 2012<\/a><\/div>\n<h4 class=\"pt-cv-title\"><a href=\"https:\/\/www.dmsjuridica.com\/buscador_20179478954\/corteconstitucionalcronologico202454587\/t-934-12\/\" class=\"_self\" target=\"_self\" >T-934-12<\/a><\/h4>\n<div class=\"pt-cv-content\">\u00a0 \u00a0 Sentencia T-934\/12 \u00a0 ACCION DE TUTELA CONTRA LA SECRETARIA DE EDUCACION DE CUNDINAMARCA-Caso en que se presenta vulneraci\u00f3n de derechos fundamentales a docente que sufre VIH\/SIDA\u00a0 \u00a0 ACCION DE TUTELA TEMERARIA-Causales \u00a0 ACCION DE TUTELA TEMERARIA-Caso en que a\u00fan se presente duplicidad de identidad no se configura temeridad\u00a0 \u00a0 Cuando se funda en (i) la condici\u00f3n del actor que lo coloca en un estado de ignorancia o indefensi\u00f3n, propio de aquellas situaciones en que los individuos obran por miedo insuperable o por la necesidad extrema de defender un derecho y no por mala fe; (ii) en el asesoramiento ...<br \/><div class=\"pt-cv-rmwrap\"><a href=\"https:\/\/www.dmsjuridica.com\/buscador_20179478954\/corteconstitucionalcronologico202454587\/t-934-12\/\" class=\"_self pt-cv-readmore btn btn-success\" target=\"_self\">Ver Sentencia Completa...<\/a><\/div><\/div><\/div><\/div>\n<div class=\"col-md-12 col-sm-12 col-xs-12 pt-cv-content-item pt-cv-1-col\" ><div class='pt-cv-ifield'><a href=\"https:\/\/www.dmsjuridica.com\/buscador_20179478954\/corteconstitucionalcronologico202454587\/t-933-12\/\" class=\"_self pt-cv-href-thumbnail pt-cv-thumb-default\" target=\"_self\" ><\/a>\n<div class=\"pt-cv-taxoterm above_title\"><a href='https:\/\/www.dmsjuridica.com\/buscador_20179478954\/corteconstitucionalcronologico202454587\/category\/buscar-en-toda-la-corte\/2012\/tutelas-2012\/' title='Tutelas 2012' class='pt-cv-tax-tutelas-2012'>Tutelas 2012<\/a><\/div>\n<h4 class=\"pt-cv-title\"><a href=\"https:\/\/www.dmsjuridica.com\/buscador_20179478954\/corteconstitucionalcronologico202454587\/t-933-12\/\" class=\"_self\" target=\"_self\" >T-933-12<\/a><\/h4>\n<div class=\"pt-cv-content\">\u00a0 \u00a0 Sentencia T-933\/12 \u00a0 ACCION DE TUTELA CONTRA DECISIONES JUDICIALES-Procedencia excepcional \u00a0 La jurisprudencia de esta Corporaci\u00f3n, en reiterados pronunciamientos, ha entendido que la acci\u00f3n de tutela contra providencias judiciales procede si se cumplen ciertos y rigurosos requisitos. Dentro de \u00e9stos pueden distinguirse unos de car\u00e1cter general, que habilitan la viabilidad procesal del amparo, y otros de car\u00e1cter espec\u00edfico, que determinan su prosperidad. \u00a0 ACCION DE TUTELA CONTRA SENTENCIA DE TRIBUNAL-Caso en el que se atacan decisiones mediante las cuales se ordena el embargo de los recursos destinados al pago del saldo de la deuda, y particularmente de la ...<br \/><div class=\"pt-cv-rmwrap\"><a href=\"https:\/\/www.dmsjuridica.com\/buscador_20179478954\/corteconstitucionalcronologico202454587\/t-933-12\/\" class=\"_self pt-cv-readmore btn btn-success\" target=\"_self\">Ver Sentencia Completa...<\/a><\/div><\/div><\/div><\/div>\n<div class=\"col-md-12 col-sm-12 col-xs-12 pt-cv-content-item pt-cv-1-col\" ><div class='pt-cv-ifield'><a href=\"https:\/\/www.dmsjuridica.com\/buscador_20179478954\/corteconstitucionalcronologico202454587\/t-932-12\/\" class=\"_self pt-cv-href-thumbnail pt-cv-thumb-default\" target=\"_self\" ><\/a>\n<div class=\"pt-cv-taxoterm above_title\"><a href='https:\/\/www.dmsjuridica.com\/buscador_20179478954\/corteconstitucionalcronologico202454587\/category\/buscar-en-toda-la-corte\/2012\/tutelas-2012\/' title='Tutelas 2012' class='pt-cv-tax-tutelas-2012'>Tutelas 2012<\/a><\/div>\n<h4 class=\"pt-cv-title\"><a href=\"https:\/\/www.dmsjuridica.com\/buscador_20179478954\/corteconstitucionalcronologico202454587\/t-932-12\/\" class=\"_self\" target=\"_self\" >T-932-12<\/a><\/h4>\n<div class=\"pt-cv-content\">\u00a0 \u00a0 Sentencia T-932\/12 \u00a0 ACCION DE TUTELA CONTRA CONSEJO SUPERIOR DE LA JUDICATURA UNIDAD DE REGISTRO NACIONAL DE ABOGADOS Y AUXILIARES DE LA JUSTICIA-Reconocimiento de pr\u00e1cticas jur\u00eddicas realizadas en personer\u00edas municipales para acreditar cumplimiento del requisito de judicatura necesario para recibir t\u00edtulo de abogada \u00a0 \u00a0 \u00a0 ACCION DE TUTELA CONTRA ACTOS ADMINISTRATIVOS-Procedibilidad \u00a0 \u00a0 \u00a0 ACCION DE TUTELA FRENTE A MEDIO DE DEFENSA JUDICIAL-Procedencia excepcional como mecanismo transitorio para evitar un perjuicio irremediable \u00a0 \u00a0 \u00a0 ACCION DE TUTELA-Procedencia si perjuicio irremediable est\u00e1 acreditado en el expediente as\u00ed sea en forma sumaria \u00a0 DERECHO AL DEBIDO PROCESO ADMINISTRATIVO-Procedencia ...<br \/><div class=\"pt-cv-rmwrap\"><a href=\"https:\/\/www.dmsjuridica.com\/buscador_20179478954\/corteconstitucionalcronologico202454587\/t-932-12\/\" class=\"_self pt-cv-readmore btn btn-success\" target=\"_self\">Ver Sentencia Completa...<\/a><\/div><\/div><\/div><\/div>\n<div class=\"col-md-12 col-sm-12 col-xs-12 pt-cv-content-item pt-cv-1-col\" ><div class='pt-cv-ifield'><a href=\"https:\/\/www.dmsjuridica.com\/buscador_20179478954\/corteconstitucionalcronologico202454587\/t-931-12\/\" class=\"_self pt-cv-href-thumbnail pt-cv-thumb-default\" target=\"_self\" ><\/a>\n<div class=\"pt-cv-taxoterm above_title\"><a href='https:\/\/www.dmsjuridica.com\/buscador_20179478954\/corteconstitucionalcronologico202454587\/category\/buscar-en-toda-la-corte\/2012\/tutelas-2012\/' title='Tutelas 2012' class='pt-cv-tax-tutelas-2012'>Tutelas 2012<\/a><\/div>\n<h4 class=\"pt-cv-title\"><a href=\"https:\/\/www.dmsjuridica.com\/buscador_20179478954\/corteconstitucionalcronologico202454587\/t-931-12\/\" class=\"_self\" target=\"_self\" >T-931-12<\/a><\/h4>\n<div class=\"pt-cv-content\">\u00a0 \u00a0 Sentencia T-931\/12 \u00a0 DERECHO A LA SALUD COMO DERECHO FUNDAMENTAL AUTONOMO-Reiteraci\u00f3n de jurisprudencia \u00a0 OBLIGACION DEL EJERCITO NACIONAL EN MATERIA DE SALUD EN RELACION CON MILITARES \u00a0 EJERCITO NACIONAL-Continuidad en la prestaci\u00f3n de los servicios de salud a soldado \u00a0 PRINCIPIO DE CONTINUIDAD EN EL SERVICIO DE SALUD-Reiteraci\u00f3n de jurisprudencia \u00a0 La Corte Constitucional ha sostenido que la salud es un derecho fundamental aut\u00f3nomo y, desde tempranos pronunciamientos, ha reconocido que dentro de su \u00e1mbito protegido se encuentra la garant\u00eda de que a toda persona se le presten los servicios de salud que requiere de manera continua, prohibiendo ...<br \/><div class=\"pt-cv-rmwrap\"><a href=\"https:\/\/www.dmsjuridica.com\/buscador_20179478954\/corteconstitucionalcronologico202454587\/t-931-12\/\" class=\"_self pt-cv-readmore btn btn-success\" target=\"_self\">Ver Sentencia Completa...<\/a><\/div><\/div><\/div><\/div>\n<div class=\"col-md-12 col-sm-12 col-xs-12 pt-cv-content-item pt-cv-1-col\" ><div class='pt-cv-ifield'><a href=\"https:\/\/www.dmsjuridica.com\/buscador_20179478954\/corteconstitucionalcronologico202454587\/t-930-12\/\" class=\"_self pt-cv-href-thumbnail pt-cv-thumb-default\" target=\"_self\" ><\/a>\n<div class=\"pt-cv-taxoterm above_title\"><a href='https:\/\/www.dmsjuridica.com\/buscador_20179478954\/corteconstitucionalcronologico202454587\/category\/buscar-en-toda-la-corte\/2012\/tutelas-2012\/' title='Tutelas 2012' class='pt-cv-tax-tutelas-2012'>Tutelas 2012<\/a><\/div>\n<h4 class=\"pt-cv-title\"><a href=\"https:\/\/www.dmsjuridica.com\/buscador_20179478954\/corteconstitucionalcronologico202454587\/t-930-12\/\" class=\"_self\" target=\"_self\" >T-930-12<\/a><\/h4>\n<div class=\"pt-cv-content\">\u00a0 \u00a0 Sentencia T-930\/12 \u00a0 ACCION DE TUTELA PARA RECONOCIMIENTO DE PENSION DE INVALIDEZ-Procedencia excepcional por afectaci\u00f3n al m\u00ednimo vital y vida digna de sujetos de especial protecci\u00f3n \u00a0 En el presente caso, el accionante es sujeto de especial protecci\u00f3n constitucional, en tanto sufre de una disminuci\u00f3n en su capacidad f\u00edsica que adem\u00e1s, le impide proveerse los recursos econ\u00f3micos que requiere para vivir, situaci\u00f3n que afecta tambi\u00e9n, el m\u00ednimo vital de su familia. Teniendo en cuanta las condiciones concretas en que se encuentra actualmente el actor, la Sala no considera razonable exigirle que acuda a otra v\u00eda para solicitar el ...<br \/><div class=\"pt-cv-rmwrap\"><a href=\"https:\/\/www.dmsjuridica.com\/buscador_20179478954\/corteconstitucionalcronologico202454587\/t-930-12\/\" class=\"_self pt-cv-readmore btn btn-success\" target=\"_self\">Ver Sentencia Completa...<\/a><\/div><\/div><\/div><\/div>\n<div class=\"col-md-12 col-sm-12 col-xs-12 pt-cv-content-item pt-cv-1-col\" ><div class='pt-cv-ifield'><a href=\"https:\/\/www.dmsjuridica.com\/buscador_20179478954\/corteconstitucionalcronologico202454587\/t-929-12\/\" class=\"_self pt-cv-href-thumbnail pt-cv-thumb-default\" target=\"_self\" ><\/a>\n<div class=\"pt-cv-taxoterm above_title\"><a href='https:\/\/www.dmsjuridica.com\/buscador_20179478954\/corteconstitucionalcronologico202454587\/category\/buscar-en-toda-la-corte\/2012\/tutelas-2012\/' title='Tutelas 2012' class='pt-cv-tax-tutelas-2012'>Tutelas 2012<\/a><\/div>\n<h4 class=\"pt-cv-title\"><a href=\"https:\/\/www.dmsjuridica.com\/buscador_20179478954\/corteconstitucionalcronologico202454587\/t-929-12\/\" class=\"_self\" target=\"_self\" >T-929-12<\/a><\/h4>\n<div class=\"pt-cv-content\">\u00a0 \u00a0 Sentencia T-929\/12 \u00a0 ACCION DE TUTELA CONTRA LA REGISTRADURIA NACIONAL DEL ESTADO CIVIL-Caso en que se cancel\u00f3 la c\u00e9dula por doble cedulaci\u00f3n a mujer de tercera edad \u00a0 DERECHO A LA PERSONALIDAD JURIDICA-Alcance \u00a0 \u00a0 \u00a0 DERECHO A LA PERSONALIDAD JURIDICA-No se circunscribe exclusivamente a los atributos de la personalidad \u00a0 CEDULA DE CIUDADANIA-Garantiza la individualidad de la persona y se obtiene la ciudadan\u00eda y la posibilidad de ejercer derechos civiles y pol\u00edticos \u00a0 La identificaci\u00f3n constituye la forma como se establece la individualidad de una persona con arreglo a las previsiones normativas. La ley otorga el alcance ...<br \/><div class=\"pt-cv-rmwrap\"><a href=\"https:\/\/www.dmsjuridica.com\/buscador_20179478954\/corteconstitucionalcronologico202454587\/t-929-12\/\" class=\"_self pt-cv-readmore btn btn-success\" target=\"_self\">Ver Sentencia Completa...<\/a><\/div><\/div><\/div><\/div>\n<div class=\"col-md-12 col-sm-12 col-xs-12 pt-cv-content-item pt-cv-1-col\" ><div class='pt-cv-ifield'><a href=\"https:\/\/www.dmsjuridica.com\/buscador_20179478954\/corteconstitucionalcronologico202454587\/t-928-12\/\" class=\"_self pt-cv-href-thumbnail pt-cv-thumb-default\" target=\"_self\" ><\/a>\n<div class=\"pt-cv-taxoterm above_title\"><a href='https:\/\/www.dmsjuridica.com\/buscador_20179478954\/corteconstitucionalcronologico202454587\/category\/buscar-en-toda-la-corte\/2012\/tutelas-2012\/' title='Tutelas 2012' class='pt-cv-tax-tutelas-2012'>Tutelas 2012<\/a><\/div>\n<h4 class=\"pt-cv-title\"><a href=\"https:\/\/www.dmsjuridica.com\/buscador_20179478954\/corteconstitucionalcronologico202454587\/t-928-12\/\" class=\"_self\" target=\"_self\" >T-928-12<\/a><\/h4>\n<div class=\"pt-cv-content\">\u00a0 \u00a0 Sentencia T-928\/12 \u00a0 LEGITIMACION EN LA CAUSA-Requisito\u00a0de procedibilidad de la acci\u00f3n de tutela \u00a0 \u00a0 \u00a0 ACCION DE TUTELA CONTRA GOBERNACION-Improcedencia por falta de legitimaci\u00f3n en la causa de miembros de junta directiva de ESE al negar reelecci\u00f3n de gerente \u00a0 \u00a0 \u00a0 PROCEDIBILIDAD DE LA ACCION DE TUTELA ANTE LA EXISTENCIA DE OTROS MEDIOS DE DEFENSA JUDICIAL-Reiteraci\u00f3n de jurisprudencia \u00a0 \u00a0 \u00a0 ACCION DE TUTELA FRENTE A MEDIO DE DEFENSA JUDICIAL-Procedencia excepcional como mecanismo transitorio para evitar un perjuicio irremediable \u00a0 \u00a0 \u00a0 ACCION DE TUTELA-Procedencia si perjuicio irremediable est\u00e1 acreditado en el expediente as\u00ed sea en ...<br \/><div class=\"pt-cv-rmwrap\"><a href=\"https:\/\/www.dmsjuridica.com\/buscador_20179478954\/corteconstitucionalcronologico202454587\/t-928-12\/\" class=\"_self pt-cv-readmore btn btn-success\" target=\"_self\">Ver Sentencia Completa...<\/a><\/div><\/div><\/div><\/div>\n<div class=\"col-md-12 col-sm-12 col-xs-12 pt-cv-content-item pt-cv-1-col\" ><div class='pt-cv-ifield'><a href=\"https:\/\/www.dmsjuridica.com\/buscador_20179478954\/corteconstitucionalcronologico202454587\/t-927-12\/\" class=\"_self pt-cv-href-thumbnail pt-cv-thumb-default\" target=\"_self\" ><\/a>\n<div class=\"pt-cv-taxoterm above_title\"><a href='https:\/\/www.dmsjuridica.com\/buscador_20179478954\/corteconstitucionalcronologico202454587\/category\/buscar-en-toda-la-corte\/2012\/tutelas-2012\/' title='Tutelas 2012' class='pt-cv-tax-tutelas-2012'>Tutelas 2012<\/a><\/div>\n<h4 class=\"pt-cv-title\"><a href=\"https:\/\/www.dmsjuridica.com\/buscador_20179478954\/corteconstitucionalcronologico202454587\/t-927-12\/\" class=\"_self\" target=\"_self\" >T-927-12<\/a><\/h4>\n<div class=\"pt-cv-content\">\u00a0 \u00a0 Sentencia T-927\/12 \u00a0 DERECHO FUNDAMENTAL A LA VIVIENDA DIGNA DE POBLACION DESPLAZADA-Procedencia de la acci\u00f3n de tutela \u00a0 POBLACION DESPLAZADA-Condici\u00f3n de especial vulnerabilidad exclusi\u00f3n y marginaci\u00f3n \u00a0 DERECHO A LA VIVIENDA DIGNA-Definici\u00f3n \u00a0 Derecho dirigido a satisfacer la necesidad humana de disponer de un sitio de vivienda, sea propio o ajeno, que cuente con las condiciones suficientes para quienes all\u00ed habiten puedan realizar de manera digna su proyecto de vida. \u00a0 DERECHO A LA VIVIENDA DIGNA DE POBLACION DESPLAZADA-Marco legal \u00a0 FONDO NACIONAL DE VIVIENDA FONVIVIENDA-Regla general sobre el respeto de los turnos en la asignaci\u00f3n de subsidios ...<br \/><div class=\"pt-cv-rmwrap\"><a href=\"https:\/\/www.dmsjuridica.com\/buscador_20179478954\/corteconstitucionalcronologico202454587\/t-927-12\/\" class=\"_self pt-cv-readmore btn btn-success\" target=\"_self\">Ver Sentencia Completa...<\/a><\/div><\/div><\/div><\/div>\n<div class=\"col-md-12 col-sm-12 col-xs-12 pt-cv-content-item pt-cv-1-col\" ><div class='pt-cv-ifield'><a href=\"https:\/\/www.dmsjuridica.com\/buscador_20179478954\/corteconstitucionalcronologico202454587\/t-926-12\/\" class=\"_self pt-cv-href-thumbnail pt-cv-thumb-default\" target=\"_self\" ><\/a>\n<div class=\"pt-cv-taxoterm above_title\"><a href='https:\/\/www.dmsjuridica.com\/buscador_20179478954\/corteconstitucionalcronologico202454587\/category\/buscar-en-toda-la-corte\/2012\/tutelas-2012\/' title='Tutelas 2012' class='pt-cv-tax-tutelas-2012'>Tutelas 2012<\/a><\/div>\n<h4 class=\"pt-cv-title\"><a href=\"https:\/\/www.dmsjuridica.com\/buscador_20179478954\/corteconstitucionalcronologico202454587\/t-926-12\/\" class=\"_self\" target=\"_self\" >T-926-12<\/a><\/h4>\n<div class=\"pt-cv-content\">\u00a0 \u00a0 Sentencia T-926\/12 \u00a0 DERECHO A LA SALUD COMO DERECHO FUNDAMENTAL AUTONOMO-Reiteraci\u00f3n de jurisprudencia \u00a0 La jurisprudencia constitucional ha dejado de decir que tutela el derecho a la salud en conexidad con el derecho a la vida y a la integridad personal para pasar a proteger el derecho fundamental aut\u00f3nomo a la salud. \u00a0 CUBRIMIENTO DE GASTOS DE TRANSPORTE PARA PACIENTE Y ACOMPA\u00d1ANTE POR EPS-Reglas jurisprudenciales \u00a0 El procedimiento o tratamiento debe ser imprescindible para asegurar el derecho a la salud y la integridad de la persona. Al respecto se debe observar que la salud no se limita a ...<br \/><div class=\"pt-cv-rmwrap\"><a href=\"https:\/\/www.dmsjuridica.com\/buscador_20179478954\/corteconstitucionalcronologico202454587\/t-926-12\/\" class=\"_self pt-cv-readmore btn btn-success\" target=\"_self\">Ver Sentencia Completa...<\/a><\/div><\/div><\/div><\/div>\n<div class=\"col-md-12 col-sm-12 col-xs-12 pt-cv-content-item pt-cv-1-col\" ><div class='pt-cv-ifield'><a href=\"https:\/\/www.dmsjuridica.com\/buscador_20179478954\/corteconstitucionalcronologico202454587\/t-925-12\/\" class=\"_self pt-cv-href-thumbnail pt-cv-thumb-default\" target=\"_self\" ><\/a>\n<div class=\"pt-cv-taxoterm above_title\"><a href='https:\/\/www.dmsjuridica.com\/buscador_20179478954\/corteconstitucionalcronologico202454587\/category\/buscar-en-toda-la-corte\/2012\/tutelas-2012\/' title='Tutelas 2012' class='pt-cv-tax-tutelas-2012'>Tutelas 2012<\/a><\/div>\n<h4 class=\"pt-cv-title\"><a href=\"https:\/\/www.dmsjuridica.com\/buscador_20179478954\/corteconstitucionalcronologico202454587\/t-925-12\/\" class=\"_self\" target=\"_self\" >T-925-12<\/a><\/h4>\n<div class=\"pt-cv-content\">\u00a0 \u00a0 Sentencia T-925\/12 \u00a0 DERECHO FUNDAMENTAL AL AGUA POTABLE-Naturaleza \u00a0 DERECHO FUNDAMENTAL AL AGUA-Contenido y obligaciones estatales en materia de prestaci\u00f3n del servicio de agua de conformidad con el bloque de constitucionalidad \u00a0 La obligaci\u00f3n de cumplir est\u00e1 encaminada a que el Estado realice acciones positivas con el fin de facilitar, proporcionar y promover la plena efectividad del derecho por medio de medidas legislativas, administrativas, presupuestarias y judiciales, que posibiliten a los individuos y comunidades el disfrute del derecho al agua potable e impone al Estado que adopte medidas positivas que permitan y ayuden a los particulares y las ...<br \/><div class=\"pt-cv-rmwrap\"><a href=\"https:\/\/www.dmsjuridica.com\/buscador_20179478954\/corteconstitucionalcronologico202454587\/t-925-12\/\" class=\"_self pt-cv-readmore btn btn-success\" target=\"_self\">Ver Sentencia Completa...<\/a><\/div><\/div><\/div><\/div>\n<div class=\"col-md-12 col-sm-12 col-xs-12 pt-cv-content-item pt-cv-1-col\" ><div class='pt-cv-ifield'><a href=\"https:\/\/www.dmsjuridica.com\/buscador_20179478954\/corteconstitucionalcronologico202454587\/t-924-12\/\" class=\"_self pt-cv-href-thumbnail pt-cv-thumb-default\" target=\"_self\" ><\/a>\n<div class=\"pt-cv-taxoterm above_title\"><a href='https:\/\/www.dmsjuridica.com\/buscador_20179478954\/corteconstitucionalcronologico202454587\/category\/buscar-en-toda-la-corte\/2012\/tutelas-2012\/' title='Tutelas 2012' class='pt-cv-tax-tutelas-2012'>Tutelas 2012<\/a><\/div>\n<h4 class=\"pt-cv-title\"><a href=\"https:\/\/www.dmsjuridica.com\/buscador_20179478954\/corteconstitucionalcronologico202454587\/t-924-12\/\" class=\"_self\" target=\"_self\" >T-924-12<\/a><\/h4>\n<div class=\"pt-cv-content\">\u00a0 \u00a0 Sentencia T-924\/12 \u00a0 ACCION DE TUTELA PARA RECONOCIMIENTO DE PENSION DE INVALIDEZ-Reiteraci\u00f3n de jurisprudencia sobre procedencia excepcional \u00a0 Por regla general, la acci\u00f3n de tutela resulta improcedente para los casos en los cuales se pretende el reconocimiento y pago de una pensi\u00f3n ya que existe la jurisdicci\u00f3n ordinaria laboral como mecanismo id\u00f3neo para logra tal fin. Adem\u00e1s, su procedencia contrar\u00eda el art\u00edculo 86 de la Constituci\u00f3n Pol\u00edtica en el cual se consagra el principio de subsidiariedad. Sin embargo, existen dos excepciones para la procedencia de la acci\u00f3n de tutela en estos casos y permite su procedencia, siempre y ...<br \/><div class=\"pt-cv-rmwrap\"><a href=\"https:\/\/www.dmsjuridica.com\/buscador_20179478954\/corteconstitucionalcronologico202454587\/t-924-12\/\" class=\"_self pt-cv-readmore btn btn-success\" target=\"_self\">Ver Sentencia Completa...<\/a><\/div><\/div><\/div><\/div>\n<div class=\"col-md-12 col-sm-12 col-xs-12 pt-cv-content-item pt-cv-1-col\" ><div class='pt-cv-ifield'><a href=\"https:\/\/www.dmsjuridica.com\/buscador_20179478954\/corteconstitucionalcronologico202454587\/t-923-12\/\" class=\"_self pt-cv-href-thumbnail pt-cv-thumb-default\" target=\"_self\" ><\/a>\n<div class=\"pt-cv-taxoterm above_title\"><a href='https:\/\/www.dmsjuridica.com\/buscador_20179478954\/corteconstitucionalcronologico202454587\/category\/buscar-en-toda-la-corte\/2012\/tutelas-2012\/' title='Tutelas 2012' class='pt-cv-tax-tutelas-2012'>Tutelas 2012<\/a><\/div>\n<h4 class=\"pt-cv-title\"><a href=\"https:\/\/www.dmsjuridica.com\/buscador_20179478954\/corteconstitucionalcronologico202454587\/t-923-12\/\" class=\"_self\" target=\"_self\" >T-923-12<\/a><\/h4>\n<div class=\"pt-cv-content\">\u00a0 \u00a0 Sentencia T-923\/12 \u00a0 ACCION DE TUTELA PARA PROTEGER EL DERECHO A LA SEGURIDAD SOCIAL EN MATERIA DE RECONOCIMIENTO DE PENSION DE VEJEZ-Procedencia \u00a0 En principio se sostuvo la tesis de la improcedencia general de la acci\u00f3n de tutela para la protecci\u00f3n de los derechos sociales, por no ser ellos fundamentales; sin embargo, la Corte Constitucional colombiana reconoci\u00f3 que la rigidez de tal clasificaci\u00f3n presentaba dificultades y, por ello, estableci\u00f3 excepciones para la procedencia cuando se trataba de proteger esos derechos, pues \u201cpod\u00edan ser amparados por v\u00eda de tutela cuando se lograba demostrar un nexo inescindible entre estos derechos ...<br \/><div class=\"pt-cv-rmwrap\"><a href=\"https:\/\/www.dmsjuridica.com\/buscador_20179478954\/corteconstitucionalcronologico202454587\/t-923-12\/\" class=\"_self pt-cv-readmore btn btn-success\" target=\"_self\">Ver Sentencia Completa...<\/a><\/div><\/div><\/div><\/div>\n<div class=\"col-md-12 col-sm-12 col-xs-12 pt-cv-content-item pt-cv-1-col\" ><div class='pt-cv-ifield'><a href=\"https:\/\/www.dmsjuridica.com\/buscador_20179478954\/corteconstitucionalcronologico202454587\/t-922-12\/\" class=\"_self pt-cv-href-thumbnail pt-cv-thumb-default\" target=\"_self\" ><\/a>\n<div class=\"pt-cv-taxoterm above_title\"><a href='https:\/\/www.dmsjuridica.com\/buscador_20179478954\/corteconstitucionalcronologico202454587\/category\/buscar-en-toda-la-corte\/2012\/tutelas-2012\/' title='Tutelas 2012' class='pt-cv-tax-tutelas-2012'>Tutelas 2012<\/a><\/div>\n<h4 class=\"pt-cv-title\"><a href=\"https:\/\/www.dmsjuridica.com\/buscador_20179478954\/corteconstitucionalcronologico202454587\/t-922-12\/\" class=\"_self\" target=\"_self\" >T-922-12<\/a><\/h4>\n<div class=\"pt-cv-content\">\u00a0 \u00a0 Sentencia T-922\/12 \u00a0 ACCION DE TUTELA CONTRA ACTO ADMINISTRATIVO DE CARACTER PARTICULAR Y CONCRETO-Procedencia excepcional para obtener reintegro laboral cuando se colige vulneraci\u00f3n de derechos fundamentales o perjuicio irremediable \u00a0 La jurisprudencia ha establecido que la acci\u00f3n de tutela no es procedente, en general, para controvertir actos administrativos, toda vez que las discrepancias suscitadas por la aplicaci\u00f3n o interpretaci\u00f3n de los mismos, deben ser dirimidas a trav\u00e9s de la jurisdicci\u00f3n de lo contencioso administrativo. Sin embargo, se ha aceptado la procedencia excepcional de la acci\u00f3n de tutela contra los actos administrativos, si del contenido de los mismos deviene ...<br \/><div class=\"pt-cv-rmwrap\"><a href=\"https:\/\/www.dmsjuridica.com\/buscador_20179478954\/corteconstitucionalcronologico202454587\/t-922-12\/\" class=\"_self pt-cv-readmore btn btn-success\" target=\"_self\">Ver Sentencia Completa...<\/a><\/div><\/div><\/div><\/div>\n<div class=\"col-md-12 col-sm-12 col-xs-12 pt-cv-content-item pt-cv-1-col\" ><div class='pt-cv-ifield'><a href=\"https:\/\/www.dmsjuridica.com\/buscador_20179478954\/corteconstitucionalcronologico202454587\/t-921-12\/\" class=\"_self pt-cv-href-thumbnail pt-cv-thumb-default\" target=\"_self\" ><\/a>\n<div class=\"pt-cv-taxoterm above_title\"><a href='https:\/\/www.dmsjuridica.com\/buscador_20179478954\/corteconstitucionalcronologico202454587\/category\/buscar-en-toda-la-corte\/2012\/tutelas-2012\/' title='Tutelas 2012' class='pt-cv-tax-tutelas-2012'>Tutelas 2012<\/a><\/div>\n<h4 class=\"pt-cv-title\"><a href=\"https:\/\/www.dmsjuridica.com\/buscador_20179478954\/corteconstitucionalcronologico202454587\/t-921-12\/\" class=\"_self\" target=\"_self\" >T-921-12<\/a><\/h4>\n<div class=\"pt-cv-content\">\u00a0 \u00a0 Sentencia T-921\/12 \u00a0 ACCION DE TUTELA CONTRA PARTICULARES-Procedencia excepcional para pago de salarios \u00a0 Es claro que la tutela no es el mecanismo id\u00f3neo para obtener el pago de salarios adeudados, toda vez que el medio adecuado es la acci\u00f3n ordinaria laboral. Sin embargo, si se cumplen las hip\u00f3tesis f\u00e1cticas rese\u00f1adas, la tutela se torna procedente en aras de evitar un perjuicio irremediable.\u00a0 \u00a0 ACCION DE TUTELA PARA RECLAMAR PAGO DE SALARIOS Y DEMAS ACREENCIAS LABORALES-Improcedente por no estar en presencia de un perjuicio irremediable\u00a0 \u00a0 Referencia: expediente T-3559681. \u00a0 Acci\u00f3n de tutela instaurada por Astolfo G\u00f3mez Ortiz, ...<br \/><div class=\"pt-cv-rmwrap\"><a href=\"https:\/\/www.dmsjuridica.com\/buscador_20179478954\/corteconstitucionalcronologico202454587\/t-921-12\/\" class=\"_self pt-cv-readmore btn btn-success\" target=\"_self\">Ver Sentencia Completa...<\/a><\/div><\/div><\/div><\/div>\n<div class=\"col-md-12 col-sm-12 col-xs-12 pt-cv-content-item pt-cv-1-col\" ><div class='pt-cv-ifield'><a href=\"https:\/\/www.dmsjuridica.com\/buscador_20179478954\/corteconstitucionalcronologico202454587\/t-920-12\/\" class=\"_self pt-cv-href-thumbnail pt-cv-thumb-default\" target=\"_self\" ><\/a>\n<div class=\"pt-cv-taxoterm above_title\"><a href='https:\/\/www.dmsjuridica.com\/buscador_20179478954\/corteconstitucionalcronologico202454587\/category\/buscar-en-toda-la-corte\/2012\/tutelas-2012\/' title='Tutelas 2012' class='pt-cv-tax-tutelas-2012'>Tutelas 2012<\/a><\/div>\n<h4 class=\"pt-cv-title\"><a href=\"https:\/\/www.dmsjuridica.com\/buscador_20179478954\/corteconstitucionalcronologico202454587\/t-920-12\/\" class=\"_self\" target=\"_self\" >T-920-12<\/a><\/h4>\n<div class=\"pt-cv-content\">\u00a0 \u00a0 \u00a0 \u00a0 Sentencia T-920\/12 \u00a0 PRINCIPIO DE INMEDIATEZ COMO REQUISITO DE PROCEDIBILIDAD DE LA ACCION DE TUTELA-Doctrina de la Corte Constitucional \u00a0 PRINCIPIO DE INMEDIATEZ-Caso en que no se cumple por cuanto se acudi\u00f3 a la acci\u00f3n de tutela 5 meses desde la fecha en que se origin\u00f3 la controversia\u00a0 \u00a0 Referencia: expediente T-3.551.734 \u00a0 Acci\u00f3n de tutela instaurada por Mauricio Segura P\u00e9rez contra el Juzgado 1\u00b0 Penal Municipal de Cartagena \u00a0 Procedencia: Sala de Decisi\u00f3n Penal del Tribunal Superior de Cartagena \u00a0 Magistrado Ponente: NILSON PINILLA PINILLA \u00a0 Bogot\u00e1, D. C., nueve (9) de noviembre de dos ...<br \/><div class=\"pt-cv-rmwrap\"><a href=\"https:\/\/www.dmsjuridica.com\/buscador_20179478954\/corteconstitucionalcronologico202454587\/t-920-12\/\" class=\"_self pt-cv-readmore btn btn-success\" target=\"_self\">Ver Sentencia Completa...<\/a><\/div><\/div><\/div><\/div>\n<div class=\"col-md-12 col-sm-12 col-xs-12 pt-cv-content-item pt-cv-1-col\" ><div class='pt-cv-ifield'><a href=\"https:\/\/www.dmsjuridica.com\/buscador_20179478954\/corteconstitucionalcronologico202454587\/t-919-12\/\" class=\"_self pt-cv-href-thumbnail pt-cv-thumb-default\" target=\"_self\" ><\/a>\n<div class=\"pt-cv-taxoterm above_title\"><a href='https:\/\/www.dmsjuridica.com\/buscador_20179478954\/corteconstitucionalcronologico202454587\/category\/buscar-en-toda-la-corte\/2012\/tutelas-2012\/' title='Tutelas 2012' class='pt-cv-tax-tutelas-2012'>Tutelas 2012<\/a><\/div>\n<h4 class=\"pt-cv-title\"><a href=\"https:\/\/www.dmsjuridica.com\/buscador_20179478954\/corteconstitucionalcronologico202454587\/t-919-12\/\" class=\"_self\" target=\"_self\" >T-919-12<\/a><\/h4>\n<div class=\"pt-cv-content\">\u00a0 \u00a0 Sentencia T-919\/12 \u00a0 DERECHO FUNDAMENTAL A LA LIBERTAD PERSONAL-No es absoluto \u00a0 PRINCIPIO DE LA DOBLE INCRIMINACION-Concepto \u00a0 Este principio implica que para entregar en extradici\u00f3n a un colombiano es indispensable que la conducta por la cual es juzgando constituya delito en la legislaci\u00f3n penal interna. \u00a0 EXTRADICION EN COLOMBIA\u00a0 \u00a0 La extradici\u00f3n fue concebida como un fen\u00f3meno jur\u00eddico a trav\u00e9s del cual los Estados cooperan entre s\u00ed con el \u00e1nimo de combatir el crimen y erradicar la impunidad, en desarrollo del principio de la territorialidad de la ley penal. El procedimiento interno que se sigue para tramitar ...<br \/><div class=\"pt-cv-rmwrap\"><a href=\"https:\/\/www.dmsjuridica.com\/buscador_20179478954\/corteconstitucionalcronologico202454587\/t-919-12\/\" class=\"_self pt-cv-readmore btn btn-success\" target=\"_self\">Ver Sentencia Completa...<\/a><\/div><\/div><\/div><\/div>\n<div class=\"col-md-12 col-sm-12 col-xs-12 pt-cv-content-item pt-cv-1-col\" ><div class='pt-cv-ifield'><a href=\"https:\/\/www.dmsjuridica.com\/buscador_20179478954\/corteconstitucionalcronologico202454587\/t-918-12\/\" class=\"_self pt-cv-href-thumbnail pt-cv-thumb-default\" target=\"_self\" ><\/a>\n<div class=\"pt-cv-taxoterm above_title\"><a href='https:\/\/www.dmsjuridica.com\/buscador_20179478954\/corteconstitucionalcronologico202454587\/category\/buscar-en-toda-la-corte\/2012\/tutelas-2012\/' title='Tutelas 2012' class='pt-cv-tax-tutelas-2012'>Tutelas 2012<\/a><\/div>\n<h4 class=\"pt-cv-title\"><a href=\"https:\/\/www.dmsjuridica.com\/buscador_20179478954\/corteconstitucionalcronologico202454587\/t-918-12\/\" class=\"_self\" target=\"_self\" >T-918-12<\/a><\/h4>\n<div class=\"pt-cv-content\">\u00a0 \u00a0 Sentencia T-918\/12 \u00a0 DERECHO A LA IDENTIDAD SEXUAL \u00a0 El objeto del debate circunscrito a la identidad sexual de la persona refiere directamente a lo que ella considera en su fuero interior y a lo que pretende exteriorizar hacia sus semejantes. Entonces, cobra vital importancia la salvaguarda de sus derechos fundamentales al libre desarrollo de la personalidad, a la autodeterminaci\u00f3n y la dignidad humana, por cuanto el Estado no puede interponer barrera alguna para que el individuo decida su desarrollo vital, su modo de ser y su condici\u00f3n sexual. \u00a0 DERECHO A LA SALUD DE LAS PERSONAS TRANS\u00a0 ...<br \/><div class=\"pt-cv-rmwrap\"><a href=\"https:\/\/www.dmsjuridica.com\/buscador_20179478954\/corteconstitucionalcronologico202454587\/t-918-12\/\" class=\"_self pt-cv-readmore btn btn-success\" target=\"_self\">Ver Sentencia Completa...<\/a><\/div><\/div><\/div><\/div>\n<div class=\"col-md-12 col-sm-12 col-xs-12 pt-cv-content-item pt-cv-1-col\" ><div class='pt-cv-ifield'><a href=\"https:\/\/www.dmsjuridica.com\/buscador_20179478954\/corteconstitucionalcronologico202454587\/t-917-12\/\" class=\"_self pt-cv-href-thumbnail pt-cv-thumb-default\" target=\"_self\" ><\/a>\n<div class=\"pt-cv-taxoterm above_title\"><a href='https:\/\/www.dmsjuridica.com\/buscador_20179478954\/corteconstitucionalcronologico202454587\/category\/buscar-en-toda-la-corte\/2012\/tutelas-2012\/' title='Tutelas 2012' class='pt-cv-tax-tutelas-2012'>Tutelas 2012<\/a><\/div>\n<h4 class=\"pt-cv-title\"><a href=\"https:\/\/www.dmsjuridica.com\/buscador_20179478954\/corteconstitucionalcronologico202454587\/t-917-12\/\" class=\"_self\" target=\"_self\" >T-917-12<\/a><\/h4>\n<div class=\"pt-cv-content\">\u00a0 \u00a0 Sentencia T-917\/12 \u00a0 ACCION DE TUTELA CONTRA PROVIDENCIAS JUDICIALES-Reiteraci\u00f3n de jurisprudencia sobre procedencia excepcional \u00a0 Aunque la jurisprudencia reconoce y defiende el principio constitucional de autonom\u00eda e independencia judicial, as\u00ed como el amplio margen que tienen los jueces al momento de efectuar la valoraci\u00f3n de las pruebas aportadas conforme a las reglas de la sana cr\u00edtica, ha advertido que tal poder comporta un l\u00edmite, ya que no puede ser ejercido de manera arbitraria, en perjuicio de los derechos fundamentales de las partes de un proceso. En efecto, en atenci\u00f3n a las pautas constitucionales y en aras de evitar ...<br \/><div class=\"pt-cv-rmwrap\"><a href=\"https:\/\/www.dmsjuridica.com\/buscador_20179478954\/corteconstitucionalcronologico202454587\/t-917-12\/\" class=\"_self pt-cv-readmore btn btn-success\" target=\"_self\">Ver Sentencia Completa...<\/a><\/div><\/div><\/div><\/div>\n<div class=\"col-md-12 col-sm-12 col-xs-12 pt-cv-content-item pt-cv-1-col\" ><div class='pt-cv-ifield'><a href=\"https:\/\/www.dmsjuridica.com\/buscador_20179478954\/corteconstitucionalcronologico202454587\/t-916-12\/\" class=\"_self pt-cv-href-thumbnail pt-cv-thumb-default\" target=\"_self\" ><\/a>\n<div class=\"pt-cv-taxoterm above_title\"><a href='https:\/\/www.dmsjuridica.com\/buscador_20179478954\/corteconstitucionalcronologico202454587\/category\/buscar-en-toda-la-corte\/2012\/tutelas-2012\/' title='Tutelas 2012' class='pt-cv-tax-tutelas-2012'>Tutelas 2012<\/a><\/div>\n<h4 class=\"pt-cv-title\"><a href=\"https:\/\/www.dmsjuridica.com\/buscador_20179478954\/corteconstitucionalcronologico202454587\/t-916-12\/\" class=\"_self\" target=\"_self\" >T-916-12<\/a><\/h4>\n<div class=\"pt-cv-content\">\u00a0 \u00a0 Sentencia T-916\/12 \u00a0 (Bogot\u00e1, D.C., Noviembre 7) \u00a0 DERECHO FUNDAMENTAL A LA SALUD-Procedencia del amparo por v\u00eda de tutela \u00a0 LEGITIMACION POR ACTIVA EN TUTELA-Persona natural que act\u00faa en defensa de sus propios intereses \u00a0 LEGITIMACION POR PASIVA EN TUTELA-Entidad de car\u00e1cter particular que se ocupa de prestar el servicio p\u00fablico de salud \u00a0 PRINCIPIO DE INMEDIATEZ COMO REQUISITO DE PROCEDIBILIDAD DE LA ACCION DE TUTELA \u00a0 PRINCIPIO DE SUBSIDIARIEDAD DE LA ACCION DE TUTELA-Par\u00e1metro de procedibilidad \u00a0 ACCION DE TUTELA CONTRA EPS-Improcedencia por cuanto no se cumple con el requisito de subsidiariedad \u00a0 SUPERINTENDENCIA NACIONAL DE SALUD-Orden ...<br \/><div class=\"pt-cv-rmwrap\"><a href=\"https:\/\/www.dmsjuridica.com\/buscador_20179478954\/corteconstitucionalcronologico202454587\/t-916-12\/\" class=\"_self pt-cv-readmore btn btn-success\" target=\"_self\">Ver Sentencia Completa...<\/a><\/div><\/div><\/div><\/div>\n<div class=\"col-md-12 col-sm-12 col-xs-12 pt-cv-content-item pt-cv-1-col\" ><div class='pt-cv-ifield'><a href=\"https:\/\/www.dmsjuridica.com\/buscador_20179478954\/corteconstitucionalcronologico202454587\/t-915-12\/\" class=\"_self pt-cv-href-thumbnail pt-cv-thumb-default\" target=\"_self\" ><\/a>\n<div class=\"pt-cv-taxoterm above_title\"><a href='https:\/\/www.dmsjuridica.com\/buscador_20179478954\/corteconstitucionalcronologico202454587\/category\/buscar-en-toda-la-corte\/2012\/tutelas-2012\/' title='Tutelas 2012' class='pt-cv-tax-tutelas-2012'>Tutelas 2012<\/a><\/div>\n<h4 class=\"pt-cv-title\"><a href=\"https:\/\/www.dmsjuridica.com\/buscador_20179478954\/corteconstitucionalcronologico202454587\/t-915-12\/\" class=\"_self\" target=\"_self\" >T-915-12<\/a><\/h4>\n<div class=\"pt-cv-content\">\u00a0 \u00a0 Sentencia T-915\/12 \u00a0 \u00a0(Bogot\u00e1, D.C., noviembre 7) \u00a0 ACCION DE TUTELA-Vulneraci\u00f3n o amenaza cierta a un derecho fundamental como requisito de procedencia\u00a0 \u00a0 LEGITIMACION POR ACTIVA EN TUTELA-Hija en representaci\u00f3n de madre \u00a0 LEGITIMACION POR PASIVA EN TUTELA-Entidad p\u00fablica\u00a0 \u00a0 PRINCIPIO DE INMEDIATEZ COMO REQUISITO DE PROCEDIBILIDAD DE LA ACCION DE TUTELA \u00a0 PRINCIPIO DE SUBSIDIARIEDAD DE LA ACCION DE TUTELA-Par\u00e1metro de procedibilidad \u00a0 ACCION DE TUTELA PARA EL RECONOCIMIENTO DE ACREENCIAS PENSIONALES-Presupuestos constitucionales sobre la procedencia \u00a0 La acci\u00f3n de tutela procede excepcionalmente para reconocer y pagar prestaciones pensionales, cuando quiera que: (i) no exista otro medio ...<br \/><div class=\"pt-cv-rmwrap\"><a href=\"https:\/\/www.dmsjuridica.com\/buscador_20179478954\/corteconstitucionalcronologico202454587\/t-915-12\/\" class=\"_self pt-cv-readmore btn btn-success\" target=\"_self\">Ver Sentencia Completa...<\/a><\/div><\/div><\/div><\/div>\n<div class=\"col-md-12 col-sm-12 col-xs-12 pt-cv-content-item pt-cv-1-col\" ><div class='pt-cv-ifield'><a href=\"https:\/\/www.dmsjuridica.com\/buscador_20179478954\/corteconstitucionalcronologico202454587\/t-914-12\/\" class=\"_self pt-cv-href-thumbnail pt-cv-thumb-default\" target=\"_self\" ><\/a>\n<div class=\"pt-cv-taxoterm above_title\"><a href='https:\/\/www.dmsjuridica.com\/buscador_20179478954\/corteconstitucionalcronologico202454587\/category\/buscar-en-toda-la-corte\/2012\/tutelas-2012\/' title='Tutelas 2012' class='pt-cv-tax-tutelas-2012'>Tutelas 2012<\/a><\/div>\n<h4 class=\"pt-cv-title\"><a href=\"https:\/\/www.dmsjuridica.com\/buscador_20179478954\/corteconstitucionalcronologico202454587\/t-914-12\/\" class=\"_self\" target=\"_self\" >T-914-12<\/a><\/h4>\n<div class=\"pt-cv-content\">\u00a0 \u00a0 Sentencia T-914\/12 \u00a0 (Bogot\u00e1, D.C., noviembre 7 de 2012) \u00a0 ACCION DE TUTELA-Vulneraci\u00f3n o amenaza cierta a un derecho fundamental como requisito de procedencia \u00a0 LEGITIMACION POR ACTIVA EN TUTELA-Madre en representaci\u00f3n de hijo menor \u00a0 LEGITIMACION POR PASIVA EN TUTELA-EPS\u00a0 \u00a0 PRINCIPIO DE INMEDIATEZ COMO REQUISITO DE PROCEDIBILIDAD DE LA ACCION DE TUTELA \u00a0 PRINCIPIO DE SUBSIDIARIEDAD DE LA ACCION DE TUTELA-Par\u00e1metro de procedibilidad \u00a0 PRINCIPIO DE SUBSIDIARIEDAD DE LA ACCION DE TUTELA-Improcedente porque el accionante tiene a su alcance otros medios de defensa\u00a0 \u00a0 Referencia: Expediente T-3.542.547. \u00a0 \u00a0\u00a0 Fallo de tutela objeto revisi\u00f3n: \u00danica instancia: ...<br \/><div class=\"pt-cv-rmwrap\"><a href=\"https:\/\/www.dmsjuridica.com\/buscador_20179478954\/corteconstitucionalcronologico202454587\/t-914-12\/\" class=\"_self pt-cv-readmore btn btn-success\" target=\"_self\">Ver Sentencia Completa...<\/a><\/div><\/div><\/div><\/div>\n<div class=\"col-md-12 col-sm-12 col-xs-12 pt-cv-content-item pt-cv-1-col\" ><div class='pt-cv-ifield'><a href=\"https:\/\/www.dmsjuridica.com\/buscador_20179478954\/corteconstitucionalcronologico202454587\/t-913-12\/\" class=\"_self pt-cv-href-thumbnail pt-cv-thumb-default\" target=\"_self\" ><\/a>\n<div class=\"pt-cv-taxoterm above_title\"><a href='https:\/\/www.dmsjuridica.com\/buscador_20179478954\/corteconstitucionalcronologico202454587\/category\/buscar-en-toda-la-corte\/2012\/tutelas-2012\/' title='Tutelas 2012' class='pt-cv-tax-tutelas-2012'>Tutelas 2012<\/a><\/div>\n<h4 class=\"pt-cv-title\"><a href=\"https:\/\/www.dmsjuridica.com\/buscador_20179478954\/corteconstitucionalcronologico202454587\/t-913-12\/\" class=\"_self\" target=\"_self\" >T-913-12<\/a><\/h4>\n<div class=\"pt-cv-content\">\u00a0 \u00a0 Sentencia T-913\/12 \u00a0 \u00a0(Bogot\u00e1, D.C., noviembre 7) \u00a0 ACCION DE TUTELA-Vulneraci\u00f3n o amenaza cierta a un derecho fundamental como requisito de procedencia \u00a0 LEGITIMACION POR ACTIVA EN TUTELA-Persona natural que act\u00faa en defensa de sus propios intereses \u00a0 LEGITIMACION POR PASIVA EN TUTELA-Empresa industrial y comercial del Estado\u00a0 \u00a0 PRINCIPIO DE SUBSIDIARIEDAD DE LA ACCION DE TUTELA-Par\u00e1metro de procedibilidad \u00a0 PRINCIPIO DE SUBSIDIARIEDAD DE LA ACCION DE TUTELA-Caso en que el accionante tiene a su alcance otros medios de defensa\u00a0 \u00a0 Referencia: expediente T 3.546.520. \u00a0 \u00a0\u00a0 Fallos de tutela objeto revisi\u00f3n: Sentencia de Primera Instancia del Juzgado ...<br \/><div class=\"pt-cv-rmwrap\"><a href=\"https:\/\/www.dmsjuridica.com\/buscador_20179478954\/corteconstitucionalcronologico202454587\/t-913-12\/\" class=\"_self pt-cv-readmore btn btn-success\" target=\"_self\">Ver Sentencia Completa...<\/a><\/div><\/div><\/div><\/div>\n<div class=\"col-md-12 col-sm-12 col-xs-12 pt-cv-content-item pt-cv-1-col\" ><div class='pt-cv-ifield'><a href=\"https:\/\/www.dmsjuridica.com\/buscador_20179478954\/corteconstitucionalcronologico202454587\/t-912-12\/\" class=\"_self pt-cv-href-thumbnail pt-cv-thumb-default\" target=\"_self\" ><\/a>\n<div class=\"pt-cv-taxoterm above_title\"><a href='https:\/\/www.dmsjuridica.com\/buscador_20179478954\/corteconstitucionalcronologico202454587\/category\/buscar-en-toda-la-corte\/2012\/tutelas-2012\/' title='Tutelas 2012' class='pt-cv-tax-tutelas-2012'>Tutelas 2012<\/a><\/div>\n<h4 class=\"pt-cv-title\"><a href=\"https:\/\/www.dmsjuridica.com\/buscador_20179478954\/corteconstitucionalcronologico202454587\/t-912-12\/\" class=\"_self\" target=\"_self\" >T-912-12<\/a><\/h4>\n<div class=\"pt-cv-content\">\u00a0 \u00a0 Sentencia T-912\/12 \u00a0 \u00a0(Bogot\u00e1, DC, noviembre 7) \u00a0 ACCION DE TUTELA-Vulneraci\u00f3n o amenaza cierta a un derecho fundamental como requisito de procedencia\u00a0 \u00a0 LEGITIMACION POR ACTIVA EN TUTELA-A trav\u00e9s de apoderado judicial\u00a0 \u00a0 LEGITIMACION POR PASIVA EN TUTELA-Requisito de procedibilidad \u00a0 REQUISITO DE INMEDIATEZ DE LA ACCION DE TUTELA-Caracter\u00edstica esencial \u00a0 REQUISITO DE INMEDIATEZ DE LA ACCION DE TUTELA-No cumple el requisito de la inmediatez, demora en la interposici\u00f3n de la acci\u00f3n\u00a0 \u00a0 ACCION DE TUTELA Y PRINCIPIO DE INMEDIATEZ-Improcedencia por cuanto no se encuentra justificada la demora de interposici\u00f3n \u00a0 \u00a0 \u00a0 \u00a0 Fallo de tutela objeto ...<br \/><div class=\"pt-cv-rmwrap\"><a href=\"https:\/\/www.dmsjuridica.com\/buscador_20179478954\/corteconstitucionalcronologico202454587\/t-912-12\/\" class=\"_self pt-cv-readmore btn btn-success\" target=\"_self\">Ver Sentencia Completa...<\/a><\/div><\/div><\/div><\/div>\n<div class=\"col-md-12 col-sm-12 col-xs-12 pt-cv-content-item pt-cv-1-col\" ><div class='pt-cv-ifield'><a href=\"https:\/\/www.dmsjuridica.com\/buscador_20179478954\/corteconstitucionalcronologico202454587\/t-908-12\/\" class=\"_self pt-cv-href-thumbnail pt-cv-thumb-default\" target=\"_self\" ><\/a>\n<div class=\"pt-cv-taxoterm above_title\"><a href='https:\/\/www.dmsjuridica.com\/buscador_20179478954\/corteconstitucionalcronologico202454587\/category\/buscar-en-toda-la-corte\/2012\/tutelas-2012\/' title='Tutelas 2012' class='pt-cv-tax-tutelas-2012'>Tutelas 2012<\/a><\/div>\n<h4 class=\"pt-cv-title\"><a href=\"https:\/\/www.dmsjuridica.com\/buscador_20179478954\/corteconstitucionalcronologico202454587\/t-908-12\/\" class=\"_self\" target=\"_self\" >T-908-12<\/a><\/h4>\n<div class=\"pt-cv-content\">\u00a0 \u00a0 Sentencia T-908\/12 \u00a0 En t\u00e9rminos generales, el poder de polic\u00eda consiste en un conjunto de actividades que tienen por objeto el desarrollo de reglas y medidas, expedidas y ejecutadas en ejercicio del deber estatal de mantener el orden p\u00fablico y garantizar la seguridad, la salubridad y la tranquilidad, en consonancia con los derechos y las libertades democr\u00e1ticas, propiciando el mantenimiento del orden jur\u00eddico y de la convivencia pac\u00edfica. Tiene unos l\u00edmites normativamente regulados, encaminados a evitar los perjuicios individuales y colectivos, que pudieren ser causados a ra\u00edz des\u00f3rdenes o actos perturbadores de la paz social.\u00a0 \u00a0 PROCESO POLICIVO ...<br \/><div class=\"pt-cv-rmwrap\"><a href=\"https:\/\/www.dmsjuridica.com\/buscador_20179478954\/corteconstitucionalcronologico202454587\/t-908-12\/\" class=\"_self pt-cv-readmore btn btn-success\" target=\"_self\">Ver Sentencia Completa...<\/a><\/div><\/div><\/div><\/div>\n<div class=\"col-md-12 col-sm-12 col-xs-12 pt-cv-content-item pt-cv-1-col\" ><div class='pt-cv-ifield'><a href=\"https:\/\/www.dmsjuridica.com\/buscador_20179478954\/corteconstitucionalcronologico202454587\/t-907-12\/\" class=\"_self pt-cv-href-thumbnail pt-cv-thumb-default\" target=\"_self\" ><\/a>\n<div class=\"pt-cv-taxoterm above_title\"><a href='https:\/\/www.dmsjuridica.com\/buscador_20179478954\/corteconstitucionalcronologico202454587\/category\/buscar-en-toda-la-corte\/2012\/tutelas-2012\/' title='Tutelas 2012' class='pt-cv-tax-tutelas-2012'>Tutelas 2012<\/a><\/div>\n<h4 class=\"pt-cv-title\"><a href=\"https:\/\/www.dmsjuridica.com\/buscador_20179478954\/corteconstitucionalcronologico202454587\/t-907-12\/\" class=\"_self\" target=\"_self\" >T-907-12<\/a><\/h4>\n<div class=\"pt-cv-content\">\u00a0 \u00a0 \u00a0\u00a0 Sentencia T-907\/12 \u00a0 La jurisprudencia constitucional ha se\u00f1alado que la acci\u00f3n de tutela, en principio, no procede contra providencias judicial. No obstante, de manera excepcional, la acci\u00f3n de tutela procede contra providencias judiciales cuando \u00e9stas desconocen los preceptos constitucionales y legales que deben seguir, o en aquellos casos en los que si bien no se desconocen las normas superiores, la decisi\u00f3n judicial vulnera derechos fundamentales.\u00a0 \u00a0 DEFECTO SUSTANTIVO-Configuraci\u00f3n y alcance \u00a0 El defecto sustantivo se presenta en una sentencia judicial cuando hay en ella un\u00a0\u201cdesconocimiento evidente de las normas que resultan aplicables al caso concreto. En otras ...<br \/><div class=\"pt-cv-rmwrap\"><a href=\"https:\/\/www.dmsjuridica.com\/buscador_20179478954\/corteconstitucionalcronologico202454587\/t-907-12\/\" class=\"_self pt-cv-readmore btn btn-success\" target=\"_self\">Ver Sentencia Completa...<\/a><\/div><\/div><\/div><\/div>\n<div class=\"col-md-12 col-sm-12 col-xs-12 pt-cv-content-item pt-cv-1-col\" ><div class='pt-cv-ifield'><a href=\"https:\/\/www.dmsjuridica.com\/buscador_20179478954\/corteconstitucionalcronologico202454587\/t-906-12\/\" class=\"_self pt-cv-href-thumbnail pt-cv-thumb-default\" target=\"_self\" ><\/a>\n<div class=\"pt-cv-taxoterm above_title\"><a href='https:\/\/www.dmsjuridica.com\/buscador_20179478954\/corteconstitucionalcronologico202454587\/category\/buscar-en-toda-la-corte\/2012\/tutelas-2012\/' title='Tutelas 2012' class='pt-cv-tax-tutelas-2012'>Tutelas 2012<\/a><\/div>\n<h4 class=\"pt-cv-title\"><a href=\"https:\/\/www.dmsjuridica.com\/buscador_20179478954\/corteconstitucionalcronologico202454587\/t-906-12\/\" class=\"_self\" target=\"_self\" >T-906-12<\/a><\/h4>\n<div class=\"pt-cv-content\">ACCION DE TUTELA CONTRA PROVIDENCIAS JUDICIALES-En la sentencia C-590\/05 la Corte Constitucional sistematiz\u00f3 y unific\u00f3 los requisitos de procedencia y motivos de procedibilidad \u00a0 ACCION POPULAR-Protecci\u00f3n de derechos colectivos \u00a0 ACCION DE TUTELA CONTRA PROVIDENCIAS JUDICIALES-Improcedencia por no vulneraci\u00f3n de los derechos colectivos\u00a0 \u00a0 \u00a0 \u00a0 \u00a0 \u00a0 \u00a0 Referencia: expediente T-3.557.074 \u00a0 Acci\u00f3n de tutela presentada por Humberto Mora Osejo y otros1, \u00a0contra el Tribunal Administrativo de Cundinamarca \u2013 Secci\u00f3n Primera, Subsecci\u00f3n A, y el Juzgado 36 Administrativo del Circuito de Bogot\u00e1. \u00a0 Magistrado Ponente:\u00a0 \u00a0 JORGE IGNACIO PRETELT CHALJUB \u00a0 Derechos fundamentales invocados: debido proceso, vida, ambiente sano ...<br \/><div class=\"pt-cv-rmwrap\"><a href=\"https:\/\/www.dmsjuridica.com\/buscador_20179478954\/corteconstitucionalcronologico202454587\/t-906-12\/\" class=\"_self pt-cv-readmore btn btn-success\" target=\"_self\">Ver Sentencia Completa...<\/a><\/div><\/div><\/div><\/div>\n<div class=\"col-md-12 col-sm-12 col-xs-12 pt-cv-content-item pt-cv-1-col\" ><div class='pt-cv-ifield'><a href=\"https:\/\/www.dmsjuridica.com\/buscador_20179478954\/corteconstitucionalcronologico202454587\/t-905-12\/\" class=\"_self pt-cv-href-thumbnail pt-cv-thumb-default\" target=\"_self\" ><\/a>\n<div class=\"pt-cv-taxoterm above_title\"><a href='https:\/\/www.dmsjuridica.com\/buscador_20179478954\/corteconstitucionalcronologico202454587\/category\/buscar-en-toda-la-corte\/2012\/tutelas-2012\/' title='Tutelas 2012' class='pt-cv-tax-tutelas-2012'>Tutelas 2012<\/a><\/div>\n<h4 class=\"pt-cv-title\"><a href=\"https:\/\/www.dmsjuridica.com\/buscador_20179478954\/corteconstitucionalcronologico202454587\/t-905-12\/\" class=\"_self\" target=\"_self\" >T-905-12<\/a><\/h4>\n<div class=\"pt-cv-content\">\u00a0 \u00a0 Sentencia T-905\/12 \u00a0 DERECHO FUNDAMENTAL A LA SALUD-Contenido y alcance \u00a0 DERECHO FUNDAMENTAL A LA SALUD DE NI\u00d1OS Y NI\u00d1AS-Reiteraci\u00f3n de jurisprudencia \u00a0 Esta Corporaci\u00f3n ha sido reiterativa acerca de su deber de proteger los derechos fundamentales de los ni\u00f1os, raz\u00f3n por cual\u00a0en los casos en que se encuentra de por medio la salud de un ni\u00f1o, sin importar la edad que tenga, tiene derecho a recibir una atenci\u00f3n preferente, integral, adecuada y proporcional a su diagn\u00f3stico m\u00e9dico, esto por el s\u00f3lo hecho de ser un menor de edad.\u00a0De igual manera, para el Estado deben prevalecer los derechos ...<br \/><div class=\"pt-cv-rmwrap\"><a href=\"https:\/\/www.dmsjuridica.com\/buscador_20179478954\/corteconstitucionalcronologico202454587\/t-905-12\/\" class=\"_self pt-cv-readmore btn btn-success\" target=\"_self\">Ver Sentencia Completa...<\/a><\/div><\/div><\/div><\/div>\n<div class=\"col-md-12 col-sm-12 col-xs-12 pt-cv-content-item pt-cv-1-col\" ><div class='pt-cv-ifield'><a href=\"https:\/\/www.dmsjuridica.com\/buscador_20179478954\/corteconstitucionalcronologico202454587\/t-904-12\/\" class=\"_self pt-cv-href-thumbnail pt-cv-thumb-default\" target=\"_self\" ><\/a>\n<div class=\"pt-cv-taxoterm above_title\"><a href='https:\/\/www.dmsjuridica.com\/buscador_20179478954\/corteconstitucionalcronologico202454587\/category\/buscar-en-toda-la-corte\/2012\/tutelas-2012\/' title='Tutelas 2012' class='pt-cv-tax-tutelas-2012'>Tutelas 2012<\/a><\/div>\n<h4 class=\"pt-cv-title\"><a href=\"https:\/\/www.dmsjuridica.com\/buscador_20179478954\/corteconstitucionalcronologico202454587\/t-904-12\/\" class=\"_self\" target=\"_self\" >T-904-12<\/a><\/h4>\n<div class=\"pt-cv-content\">\u00a0 \u00a0 Sentencia T-904\/12 \u00a0 PRESERVACION DEL ESPACIO PUBLICO Y DERECHO AL TRABAJO DE COMERCIANTES INFORMALES-Aplicaci\u00f3n de principios de razonabilidad, proporcionalidad y confianza leg\u00edtima \u00a0 La Corte Constitucional al resolver la tensi\u00f3n entre el deber de la administraci\u00f3n para preservar del espacio p\u00fablico y el derecho al trabajo de los comerciantes informales, ha utilizado dos caminos para amparar \u00e9ste \u00faltimo:(i)\u00a0la condici\u00f3n de vulnerabilidad de las poblaciones que ocupan el espacio p\u00fablico para ejercer actividades econ\u00f3micas, y\u00a0(ii)\u00a0el principio de buena fe en su manifestaci\u00f3n del respeto de la confianza leg\u00edtima. \u00a0 PROYECTOS DE RENOVACION URBANA Y RECUPERACION DEL ESPACIO PUBLICO-Protecci\u00f3n de ...<br \/><div class=\"pt-cv-rmwrap\"><a href=\"https:\/\/www.dmsjuridica.com\/buscador_20179478954\/corteconstitucionalcronologico202454587\/t-904-12\/\" class=\"_self pt-cv-readmore btn btn-success\" target=\"_self\">Ver Sentencia Completa...<\/a><\/div><\/div><\/div><\/div>\n<div class=\"col-md-12 col-sm-12 col-xs-12 pt-cv-content-item pt-cv-1-col\" ><div class='pt-cv-ifield'><a href=\"https:\/\/www.dmsjuridica.com\/buscador_20179478954\/corteconstitucionalcronologico202454587\/t-903-12\/\" class=\"_self pt-cv-href-thumbnail pt-cv-thumb-default\" target=\"_self\" ><\/a>\n<div class=\"pt-cv-taxoterm above_title\"><a href='https:\/\/www.dmsjuridica.com\/buscador_20179478954\/corteconstitucionalcronologico202454587\/category\/buscar-en-toda-la-corte\/2012\/tutelas-2012\/' title='Tutelas 2012' class='pt-cv-tax-tutelas-2012'>Tutelas 2012<\/a><\/div>\n<h4 class=\"pt-cv-title\"><a href=\"https:\/\/www.dmsjuridica.com\/buscador_20179478954\/corteconstitucionalcronologico202454587\/t-903-12\/\" class=\"_self\" target=\"_self\" >T-903-12<\/a><\/h4>\n<div class=\"pt-cv-content\">\u00a0 \u00a0 Sentencia T-903\/12 \u00a0 DERECHO FUNDAMENTAL A LA SEGURIDAD SOCIAL-Contenido \u00a0 Nuestra Constituci\u00f3n Pol\u00edtica consagra el derecho a la seguridad social en su art\u00edculo 48, el cual se\u00f1ala que: \u201cSe garantiza a todos los habitantes el derecho irrenunciable a la seguridad social\u201d y lo convierte en una garant\u00eda fundamental, independiente y aut\u00f3noma, que cuando se comprueba que se causa un perjuicio irremediable o que no existe otro mecanismo id\u00f3neo para protegerla, se podr\u00e1 hacer mediante la acci\u00f3n de tutela. \u00a0 ACCION DE TUTELA PARA EL RECONOCIMIENTO DE INDEMNIZACION SUSTITUTIVA DE LA PENSION DE VEJEZ \u00a0 Hay que tener en ...<br \/><div class=\"pt-cv-rmwrap\"><a href=\"https:\/\/www.dmsjuridica.com\/buscador_20179478954\/corteconstitucionalcronologico202454587\/t-903-12\/\" class=\"_self pt-cv-readmore btn btn-success\" target=\"_self\">Ver Sentencia Completa...<\/a><\/div><\/div><\/div><\/div>\n<div class=\"col-md-12 col-sm-12 col-xs-12 pt-cv-content-item pt-cv-1-col\" ><div class='pt-cv-ifield'><a href=\"https:\/\/www.dmsjuridica.com\/buscador_20179478954\/corteconstitucionalcronologico202454587\/t-900-12\/\" class=\"_self pt-cv-href-thumbnail pt-cv-thumb-default\" target=\"_self\" ><\/a>\n<div class=\"pt-cv-taxoterm above_title\"><a href='https:\/\/www.dmsjuridica.com\/buscador_20179478954\/corteconstitucionalcronologico202454587\/category\/buscar-en-toda-la-corte\/2012\/tutelas-2012\/' title='Tutelas 2012' class='pt-cv-tax-tutelas-2012'>Tutelas 2012<\/a><\/div>\n<h4 class=\"pt-cv-title\"><a href=\"https:\/\/www.dmsjuridica.com\/buscador_20179478954\/corteconstitucionalcronologico202454587\/t-900-12\/\" class=\"_self\" target=\"_self\" >T-900-12<\/a><\/h4>\n<div class=\"pt-cv-content\">\u00a0 \u00a0 Sentencia T-900\/12 \u00a0 DERECHO A LA ESTABILIDAD LABORAL REFORZADA DE MUJER EMBARAZADA-Reiteraci\u00f3n de jurisprudencia\u00a0 \u00a0 El fuero de maternidad, consolidado tanto en referentes internacionales como en normas nacionales, se ha afianzado como el amparo de la mujer trabajadora que est\u00e9 en estado de gravidez o en periodo de lactancia, que implica una estabilidad laboral reforzada, y que conlleva la prohibici\u00f3n de ser despedida por raz\u00f3n de su situaci\u00f3n, sin importar el tipo de vinculaci\u00f3n de que se trate, so pena de convertirse el despido en un criterio discriminatorio que atenta contra el art\u00edculo 13 de la Carta y ...<br \/><div class=\"pt-cv-rmwrap\"><a href=\"https:\/\/www.dmsjuridica.com\/buscador_20179478954\/corteconstitucionalcronologico202454587\/t-900-12\/\" class=\"_self pt-cv-readmore btn btn-success\" target=\"_self\">Ver Sentencia Completa...<\/a><\/div><\/div><\/div><\/div>\n<div class=\"col-md-12 col-sm-12 col-xs-12 pt-cv-content-item pt-cv-1-col\" ><div class='pt-cv-ifield'><a href=\"https:\/\/www.dmsjuridica.com\/buscador_20179478954\/corteconstitucionalcronologico202454587\/t-899-12\/\" class=\"_self pt-cv-href-thumbnail pt-cv-thumb-default\" target=\"_self\" ><\/a>\n<div class=\"pt-cv-taxoterm above_title\"><a href='https:\/\/www.dmsjuridica.com\/buscador_20179478954\/corteconstitucionalcronologico202454587\/category\/buscar-en-toda-la-corte\/2012\/tutelas-2012\/' title='Tutelas 2012' class='pt-cv-tax-tutelas-2012'>Tutelas 2012<\/a><\/div>\n<h4 class=\"pt-cv-title\"><a href=\"https:\/\/www.dmsjuridica.com\/buscador_20179478954\/corteconstitucionalcronologico202454587\/t-899-12\/\" class=\"_self\" target=\"_self\" >T-899-12<\/a><\/h4>\n<div class=\"pt-cv-content\">\u00a0 \u00a0 Sentencia T-899\/12 \u00a0 DERECHO A LA SALUD COMO DERECHO FUNDAMENTAL AUTONOMO-Evoluci\u00f3n jurisprudencial \u00a0 En la Sentencia T-760 de 2008, la jurisprudencia de esta Corporaci\u00f3n determin\u00f3 la fundamentalidad del derecho a la salud en lo que respecta a un \u00e1mbito b\u00e1sico, el cual coincide con los servicios contemplados por la Constituci\u00f3n, el bloque de constitucionalidad, la ley y los planes obligatorios de salud, con las extensiones necesarias para proteger una vida digna. \u00a0 TRATAMIENTO MEDICO O MEDICAMENTO EXCLUIDO DEL POS-Requisitos establecidos por la Corte Constitucional para solicitarlo mediante acci\u00f3n de tutela\u00a0 \u00a0 La Corte construy\u00f3, con el paso del ...<br \/><div class=\"pt-cv-rmwrap\"><a href=\"https:\/\/www.dmsjuridica.com\/buscador_20179478954\/corteconstitucionalcronologico202454587\/t-899-12\/\" class=\"_self pt-cv-readmore btn btn-success\" target=\"_self\">Ver Sentencia Completa...<\/a><\/div><\/div><\/div><\/div>\n<div class=\"col-md-12 col-sm-12 col-xs-12 pt-cv-content-item pt-cv-1-col\" ><div class='pt-cv-ifield'><a href=\"https:\/\/www.dmsjuridica.com\/buscador_20179478954\/corteconstitucionalcronologico202454587\/t-898-12\/\" class=\"_self pt-cv-href-thumbnail pt-cv-thumb-default\" target=\"_self\" ><\/a>\n<div class=\"pt-cv-taxoterm above_title\"><a href='https:\/\/www.dmsjuridica.com\/buscador_20179478954\/corteconstitucionalcronologico202454587\/category\/buscar-en-toda-la-corte\/2012\/tutelas-2012\/' title='Tutelas 2012' class='pt-cv-tax-tutelas-2012'>Tutelas 2012<\/a><\/div>\n<h4 class=\"pt-cv-title\"><a href=\"https:\/\/www.dmsjuridica.com\/buscador_20179478954\/corteconstitucionalcronologico202454587\/t-898-12\/\" class=\"_self\" target=\"_self\" >T-898-12<\/a><\/h4>\n<div class=\"pt-cv-content\">\u00a0 \u00a0 \u00a0\u00a0 Sentencia T-898\/12 \u00a0 DERECHOS HUMANOS DE PERSONAS PRIVADAS DE LA LIBERTAD-Obligaciones del Estado \u00a0 Tanto a nivel nacional como internacional, es importante resaltar, que el acceso a los servicios de salud es un derecho fundamental de las personas privadas de la libertad que no es susceptible de suspensi\u00f3n o restricci\u00f3n debido a su \u00edntima relaci\u00f3n con la vida y la dignidad humana. En raz\u00f3n de la especial sujeci\u00f3n en la que se encuentran los internos con el Estado, las autoridades competentes \u2013enti\u00e9ndase los profesionales m\u00e9dicos del establecimiento carcelario como la entidad prestadora de salud correspondiente- deben prestar ...<br \/><div class=\"pt-cv-rmwrap\"><a href=\"https:\/\/www.dmsjuridica.com\/buscador_20179478954\/corteconstitucionalcronologico202454587\/t-898-12\/\" class=\"_self pt-cv-readmore btn btn-success\" target=\"_self\">Ver Sentencia Completa...<\/a><\/div><\/div><\/div><\/div>\n<div class=\"col-md-12 col-sm-12 col-xs-12 pt-cv-content-item pt-cv-1-col\" ><div class='pt-cv-ifield'><a href=\"https:\/\/www.dmsjuridica.com\/buscador_20179478954\/corteconstitucionalcronologico202454587\/t-888-12\/\" class=\"_self pt-cv-href-thumbnail pt-cv-thumb-default\" target=\"_self\" ><\/a>\n<div class=\"pt-cv-taxoterm above_title\"><a href='https:\/\/www.dmsjuridica.com\/buscador_20179478954\/corteconstitucionalcronologico202454587\/category\/buscar-en-toda-la-corte\/2012\/tutelas-2012\/' title='Tutelas 2012' class='pt-cv-tax-tutelas-2012'>Tutelas 2012<\/a><\/div>\n<h4 class=\"pt-cv-title\"><a href=\"https:\/\/www.dmsjuridica.com\/buscador_20179478954\/corteconstitucionalcronologico202454587\/t-888-12\/\" class=\"_self\" target=\"_self\" >T-888-12<\/a><\/h4>\n<div class=\"pt-cv-content\">\u00a0 \u00a0 \u00a0\u00a0 Sentencia T-888\/12 \u00a0 PRINCIPIO DE SUBSIDIARIEDAD E INMEDIATEZ EN LA ACCION DE TUTELA-Requisitos de procedibilidad\u00a0 \u00a0 Este mecanismo privilegiado de protecci\u00f3n, debe cumplir sin embargo con los requisitos de (i)\u00a0relevancia constitucional,\u00a0en cuanto sea una cuesti\u00f3n que plantea una discusi\u00f3n de orden constitucional al evidenciarse una afectaci\u00f3n de un derecho fundamental; (ii)\u00a0inmediatez, en cuanto la acci\u00f3n de tutela se concibe como un mecanismo de protecci\u00f3n inmediata de los derechos fundamentales, de acuerdo con los criterios de razonabilidad y proporcionalidad; y (iii)\u00a0subsidiariedad, en raz\u00f3n a que este mecanismo s\u00f3lo procede cuando se han agotado todas los medios de defensa ...<br \/><div class=\"pt-cv-rmwrap\"><a href=\"https:\/\/www.dmsjuridica.com\/buscador_20179478954\/corteconstitucionalcronologico202454587\/t-888-12\/\" class=\"_self pt-cv-readmore btn btn-success\" target=\"_self\">Ver Sentencia Completa...<\/a><\/div><\/div><\/div><\/div>\n<div class=\"col-md-12 col-sm-12 col-xs-12 pt-cv-content-item pt-cv-1-col\" ><div class='pt-cv-ifield'><a href=\"https:\/\/www.dmsjuridica.com\/buscador_20179478954\/corteconstitucionalcronologico202454587\/t-887-12\/\" class=\"_self pt-cv-href-thumbnail pt-cv-thumb-default\" target=\"_self\" ><\/a>\n<div class=\"pt-cv-taxoterm above_title\"><a href='https:\/\/www.dmsjuridica.com\/buscador_20179478954\/corteconstitucionalcronologico202454587\/category\/buscar-en-toda-la-corte\/2012\/tutelas-2012\/' title='Tutelas 2012' class='pt-cv-tax-tutelas-2012'>Tutelas 2012<\/a><\/div>\n<h4 class=\"pt-cv-title\"><a href=\"https:\/\/www.dmsjuridica.com\/buscador_20179478954\/corteconstitucionalcronologico202454587\/t-887-12\/\" class=\"_self\" target=\"_self\" >T-887-12<\/a><\/h4>\n<div class=\"pt-cv-content\">\u00a0 \u00a0 Sentencia T-887\/12\u00a0 \u00a0 DERECHO A LA SALUD SEXUAL Y REPRODUCTIVA-Caso de paciente que solicita la extracci\u00f3n de los hilos quir\u00fargicos que le fueron dejados en su miembro reproductivo tras la pr\u00e1ctica de una cirug\u00eda de reconstrucci\u00f3n del pene\u00a0 \u00a0 PRINCIPIO DE INTEGRALIDAD DEL SISTEMA DE SEGURIDAD SOCIAL EN SALUD-Finalidad \u00a0 El principio de integralidad tiene por finalidad mejorar las condiciones de existencia de los pacientes, prestando los servicios m\u00e9dicos en el momento adecuado. En otras palabras, la integralidad responde\u00a0 \u201ca la necesidad de garantizar el derecho a la salud de tal manera que los afiliados al sistema puedan ...<br \/><div class=\"pt-cv-rmwrap\"><a href=\"https:\/\/www.dmsjuridica.com\/buscador_20179478954\/corteconstitucionalcronologico202454587\/t-887-12\/\" class=\"_self pt-cv-readmore btn btn-success\" target=\"_self\">Ver Sentencia Completa...<\/a><\/div><\/div><\/div><\/div>\n<div class=\"col-md-12 col-sm-12 col-xs-12 pt-cv-content-item pt-cv-1-col\" ><div class='pt-cv-ifield'><a href=\"https:\/\/www.dmsjuridica.com\/buscador_20179478954\/corteconstitucionalcronologico202454587\/t-886-12\/\" class=\"_self pt-cv-href-thumbnail pt-cv-thumb-default\" target=\"_self\" ><\/a>\n<div class=\"pt-cv-taxoterm above_title\"><a href='https:\/\/www.dmsjuridica.com\/buscador_20179478954\/corteconstitucionalcronologico202454587\/category\/buscar-en-toda-la-corte\/2012\/tutelas-2012\/' title='Tutelas 2012' class='pt-cv-tax-tutelas-2012'>Tutelas 2012<\/a><\/div>\n<h4 class=\"pt-cv-title\"><a href=\"https:\/\/www.dmsjuridica.com\/buscador_20179478954\/corteconstitucionalcronologico202454587\/t-886-12\/\" class=\"_self\" target=\"_self\" >T-886-12<\/a><\/h4>\n<div class=\"pt-cv-content\">\u00a0 \u00a0 Sentencia T-886\/12 \u00a0 DERECHO FUNDAMENTAL A LA SALUD FRENTE A LOS CONTENIDOS DEL PLAN OBLIGATORIO DE SALUD-Protecci\u00f3n constitucional e internacional \u00a0 La Corte ha evolucionado en el sentido de sostener que el acceso a cualquier servicio de salud cuya prestaci\u00f3n se requiera y que se encuentre previsto en los Planes Obligatorios de Salud, es un derecho fundamental aut\u00f3nomo, de ah\u00ed que sea posible acudir en forma directa a la acci\u00f3n de tutela, en procura de obtener su inmediata protecci\u00f3n y, excepcionalmente, cuando la falta de dichos contenidos afecta el m\u00ednimo de dignidad y calidad de vida del paciente ...<br \/><div class=\"pt-cv-rmwrap\"><a href=\"https:\/\/www.dmsjuridica.com\/buscador_20179478954\/corteconstitucionalcronologico202454587\/t-886-12\/\" class=\"_self pt-cv-readmore btn btn-success\" target=\"_self\">Ver Sentencia Completa...<\/a><\/div><\/div><\/div><\/div>\n<div class=\"col-md-12 col-sm-12 col-xs-12 pt-cv-content-item pt-cv-1-col\" ><div class='pt-cv-ifield'><a href=\"https:\/\/www.dmsjuridica.com\/buscador_20179478954\/corteconstitucionalcronologico202454587\/t-885-12\/\" class=\"_self pt-cv-href-thumbnail pt-cv-thumb-default\" target=\"_self\" ><\/a>\n<div class=\"pt-cv-taxoterm above_title\"><a href='https:\/\/www.dmsjuridica.com\/buscador_20179478954\/corteconstitucionalcronologico202454587\/category\/buscar-en-toda-la-corte\/2012\/tutelas-2012\/' title='Tutelas 2012' class='pt-cv-tax-tutelas-2012'>Tutelas 2012<\/a><\/div>\n<h4 class=\"pt-cv-title\"><a href=\"https:\/\/www.dmsjuridica.com\/buscador_20179478954\/corteconstitucionalcronologico202454587\/t-885-12\/\" class=\"_self\" target=\"_self\" >T-885-12<\/a><\/h4>\n<div class=\"pt-cv-content\">\u00a0 \u00a0 Sentencia T-885\/12 \u00a0 ACCION DE TUTELA PARA INDEXACION DE LA MESADA PENSIONAL-Caso en que Tribunal revoca al fallo de primera instancia y, por ende, deniega las pretensiones del accionante en el proceso laboral ordinario con el fin de obtener la indexaci\u00f3n de su primera mesada pensional\u00a0 \u00a0 ACCION DE TUTELA CONTRA PROVIDENCIAS JUDICIALES-Procedencia excepcional para la protecci\u00f3n de derechos fundamentales \u00a0 En circunstancias excepcionales es procedente la acci\u00f3n de tutela contra providencias judiciales, cuando se verifica la vulneraci\u00f3n de derechos fundamentales y se acredita el cumplimiento de determinados requisitos que demarcan el l\u00edmite entre la protecci\u00f3n de los ...<br \/><div class=\"pt-cv-rmwrap\"><a href=\"https:\/\/www.dmsjuridica.com\/buscador_20179478954\/corteconstitucionalcronologico202454587\/t-885-12\/\" class=\"_self pt-cv-readmore btn btn-success\" target=\"_self\">Ver Sentencia Completa...<\/a><\/div><\/div><\/div><\/div>\n<div class=\"col-md-12 col-sm-12 col-xs-12 pt-cv-content-item pt-cv-1-col\" ><div class='pt-cv-ifield'><a href=\"https:\/\/www.dmsjuridica.com\/buscador_20179478954\/corteconstitucionalcronologico202454587\/t-884-12\/\" class=\"_self pt-cv-href-thumbnail pt-cv-thumb-default\" target=\"_self\" ><\/a>\n<div class=\"pt-cv-taxoterm above_title\"><a href='https:\/\/www.dmsjuridica.com\/buscador_20179478954\/corteconstitucionalcronologico202454587\/category\/buscar-en-toda-la-corte\/2012\/tutelas-2012\/' title='Tutelas 2012' class='pt-cv-tax-tutelas-2012'>Tutelas 2012<\/a><\/div>\n<h4 class=\"pt-cv-title\"><a href=\"https:\/\/www.dmsjuridica.com\/buscador_20179478954\/corteconstitucionalcronologico202454587\/t-884-12\/\" class=\"_self\" target=\"_self\" >T-884-12<\/a><\/h4>\n<div class=\"pt-cv-content\">\u00a0 \u00a0 Sentencia T-884\/12 \u00a0 ACCION DE TUTELA CONTRA ESTABLECIMIENTO EDUCATIVO-Caso en que entidad educativa niega a una estudiante la entrega de los certificados escolares porque sus padres se atrasaron en el pago de las mensualidades escolares\u00a0 \u00a0 INSTITUCION EDUCATIVA-Deber de expedir los certificados escolares ante el incumplimiento en el pago de las obligaciones econ\u00f3micas derivadas del contrato de educaci\u00f3n\/DERECHO A LA EDUCACION-Padres de familia no pueden abusar de sus derechos e incurrir en cultura del no pago \u00a0 La Sala Plena de la Corte Constitucional en la sentencia de unificaci\u00f3n SU-624 de 1999, estableci\u00f3 que,\u00a0a pesar de la mora ...<br \/><div class=\"pt-cv-rmwrap\"><a href=\"https:\/\/www.dmsjuridica.com\/buscador_20179478954\/corteconstitucionalcronologico202454587\/t-884-12\/\" class=\"_self pt-cv-readmore btn btn-success\" target=\"_self\">Ver Sentencia Completa...<\/a><\/div><\/div><\/div><\/div>\n<div class=\"col-md-12 col-sm-12 col-xs-12 pt-cv-content-item pt-cv-1-col\" ><div class='pt-cv-ifield'><a href=\"https:\/\/www.dmsjuridica.com\/buscador_20179478954\/corteconstitucionalcronologico202454587\/t-883-12\/\" class=\"_self pt-cv-href-thumbnail pt-cv-thumb-default\" target=\"_self\" ><\/a>\n<div class=\"pt-cv-taxoterm above_title\"><a href='https:\/\/www.dmsjuridica.com\/buscador_20179478954\/corteconstitucionalcronologico202454587\/category\/buscar-en-toda-la-corte\/2012\/tutelas-2012\/' title='Tutelas 2012' class='pt-cv-tax-tutelas-2012'>Tutelas 2012<\/a><\/div>\n<h4 class=\"pt-cv-title\"><a href=\"https:\/\/www.dmsjuridica.com\/buscador_20179478954\/corteconstitucionalcronologico202454587\/t-883-12\/\" class=\"_self\" target=\"_self\" >T-883-12<\/a><\/h4>\n<div class=\"pt-cv-content\">\u00a0 \u00a0 Sentencia T-883\/12 \u00a0 ACCION DE TUTELA PARA RECLAMAR ACREENCIAS LABORALES-Caso en que maestros desvinculados de un municipio pretend\u00edan que les fueran reconocidas, liquidadas y canceladas acreencias laborales \u00a0 ACCION DE TUTELA PARA RECLAMAR ACREENCIAS LABORALES-Procedencia excepcional \u00a0 Trat\u00e1ndose de acreencias laborales, la acci\u00f3n constitucional no puede ser tenida como un mecanismo para desplazar los medios ordinarios de defensa judicial, salvo que ellos se muestren ineficaces o se evidencie el acaecimiento de un perjuicio irremediable. Esto, conforme con las caracter\u00edsticas de residualidad y subsidiariedad. De lo contrario, la acci\u00f3n de tutela desbordar\u00eda la \u00f3rbita en la cual fue instituida ...<br \/><div class=\"pt-cv-rmwrap\"><a href=\"https:\/\/www.dmsjuridica.com\/buscador_20179478954\/corteconstitucionalcronologico202454587\/t-883-12\/\" class=\"_self pt-cv-readmore btn btn-success\" target=\"_self\">Ver Sentencia Completa...<\/a><\/div><\/div><\/div><\/div>\n<div class=\"col-md-12 col-sm-12 col-xs-12 pt-cv-content-item pt-cv-1-col\" ><div class='pt-cv-ifield'><a href=\"https:\/\/www.dmsjuridica.com\/buscador_20179478954\/corteconstitucionalcronologico202454587\/t-882-12\/\" class=\"_self pt-cv-href-thumbnail pt-cv-thumb-default\" target=\"_self\" ><\/a>\n<div class=\"pt-cv-taxoterm above_title\"><a href='https:\/\/www.dmsjuridica.com\/buscador_20179478954\/corteconstitucionalcronologico202454587\/category\/buscar-en-toda-la-corte\/2012\/tutelas-2012\/' title='Tutelas 2012' class='pt-cv-tax-tutelas-2012'>Tutelas 2012<\/a><\/div>\n<h4 class=\"pt-cv-title\"><a href=\"https:\/\/www.dmsjuridica.com\/buscador_20179478954\/corteconstitucionalcronologico202454587\/t-882-12\/\" class=\"_self\" target=\"_self\" >T-882-12<\/a><\/h4>\n<div class=\"pt-cv-content\">\u00a0 \u00a0 Sentencia T-882\/12 \u00a0 ACCION DE TUTELA CONTRA PROVIDENCIAS JUDICIALES-Sentencia que declar\u00f3 la nulidad de la resoluci\u00f3n proferida por CAJANAL, a trav\u00e9s de la cual se neg\u00f3 la suspensi\u00f3n y devoluci\u00f3n de los aportes en salud que fueron descontados de una pensi\u00f3n gracia \u00a0 ACCION DE TUTELA CONTRA PROVIDENCIAS JUDICIALES-Requisitos generales y especiales de procedibilidad \u00a0 La Sala Plena de la Corte Constitucional, en la Sentencia C-590 de 2005, estableci\u00f3 un conjunto sistematizado de requisitos de naturaleza sustancial y procedimental, que deben ser acreditados en cada caso concreto, como presupuestos ineludibles para la protecci\u00f3n de los derechos fundamentales afectados ...<br \/><div class=\"pt-cv-rmwrap\"><a href=\"https:\/\/www.dmsjuridica.com\/buscador_20179478954\/corteconstitucionalcronologico202454587\/t-882-12\/\" class=\"_self pt-cv-readmore btn btn-success\" target=\"_self\">Ver Sentencia Completa...<\/a><\/div><\/div><\/div><\/div>\n<div class=\"col-md-12 col-sm-12 col-xs-12 pt-cv-content-item pt-cv-1-col\" ><div class='pt-cv-ifield'><a href=\"https:\/\/www.dmsjuridica.com\/buscador_20179478954\/corteconstitucionalcronologico202454587\/t-881-12\/\" class=\"_self pt-cv-href-thumbnail pt-cv-thumb-default\" target=\"_self\" ><\/a>\n<div class=\"pt-cv-taxoterm above_title\"><a href='https:\/\/www.dmsjuridica.com\/buscador_20179478954\/corteconstitucionalcronologico202454587\/category\/buscar-en-toda-la-corte\/2012\/tutelas-2012\/' title='Tutelas 2012' class='pt-cv-tax-tutelas-2012'>Tutelas 2012<\/a><\/div>\n<h4 class=\"pt-cv-title\"><a href=\"https:\/\/www.dmsjuridica.com\/buscador_20179478954\/corteconstitucionalcronologico202454587\/t-881-12\/\" class=\"_self\" target=\"_self\" >T-881-12<\/a><\/h4>\n<div class=\"pt-cv-content\">\u00a0 \u00a0 Sentencia T-881\/12\u00a0 \u00a0 CONTRATO DE APRENDIZAJE-Caso en que aprendiz sufre un accidente de trabajo en las instalaciones de la empresa donde ejecutaba la fase pr\u00e1ctica del contrato y es calificado con una p\u00e9rdida de capacidad laboral del 15.88% \u00a0 DERECHO FUNDAMENTAL A LA ESTABILIDAD LABORAL REFORZADA DE QUIENES SE ENCUENTRAN EN CIRCUNSTANCIAS DE DEBILIDAD MANIFIESTA O INDEFENSION-Reiteraci\u00f3n de jurisprudencia\u00a0\u00a0 \u00a0 La jurisprudencia de la Corte Constitucional ha se\u00f1alado que los trabajadores que puedan catalogarse como\u00a0(i)\u00a0inv\u00e1lidos,(ii)\u00a0discapacitados,\u00a0(iii)\u00a0disminuidos f\u00edsicos, s\u00edquicos o sensoriales, y\u00a0(iv)\u00a0en general\u00a0 todos aquellos que (a) tengan una afectaci\u00f3n en su salud que (b) les\u00a0\u201cimpida[a] o dificult[e] sustancialmente el ...<br \/><div class=\"pt-cv-rmwrap\"><a href=\"https:\/\/www.dmsjuridica.com\/buscador_20179478954\/corteconstitucionalcronologico202454587\/t-881-12\/\" class=\"_self pt-cv-readmore btn btn-success\" target=\"_self\">Ver Sentencia Completa...<\/a><\/div><\/div><\/div><\/div>\n<div class=\"col-md-12 col-sm-12 col-xs-12 pt-cv-content-item pt-cv-1-col\" ><div class='pt-cv-ifield'><a href=\"https:\/\/www.dmsjuridica.com\/buscador_20179478954\/corteconstitucionalcronologico202454587\/t-880-12\/\" class=\"_self pt-cv-href-thumbnail pt-cv-thumb-default\" target=\"_self\" ><\/a>\n<div class=\"pt-cv-taxoterm above_title\"><a href='https:\/\/www.dmsjuridica.com\/buscador_20179478954\/corteconstitucionalcronologico202454587\/category\/buscar-en-toda-la-corte\/2012\/tutelas-2012\/' title='Tutelas 2012' class='pt-cv-tax-tutelas-2012'>Tutelas 2012<\/a><\/div>\n<h4 class=\"pt-cv-title\"><a href=\"https:\/\/www.dmsjuridica.com\/buscador_20179478954\/corteconstitucionalcronologico202454587\/t-880-12\/\" class=\"_self\" target=\"_self\" >T-880-12<\/a><\/h4>\n<div class=\"pt-cv-content\">\u00a0 \u00a0 {p} \u00a0 Sentencia T-880\/12 \u00a0 ACCION DE TUTELA CONTRA PROVIDENCIAS JUDICIALES-Requisitos generales y especiales de procedibilidad \u00a0 ACCION DE REVISION PENAL Y ACCION DE TUTELA \u00a0 En este caso no ser\u00eda procedente la acci\u00f3n de revisi\u00f3n, de acuerdo con el art\u00edculo 220 de la Ley 600 de 2000, aplicable al caso del accionante. As\u00ed, no se trata de cuestionar la imposici\u00f3n de una medida de seguridad, y por ende no se aplica el numeral 1. Tampoco se trata de un caso de prescripci\u00f3n de la acci\u00f3n, de falta de querella o petici\u00f3n, ni de otra causal de extinci\u00f3n ...<br \/><div class=\"pt-cv-rmwrap\"><a href=\"https:\/\/www.dmsjuridica.com\/buscador_20179478954\/corteconstitucionalcronologico202454587\/t-880-12\/\" class=\"_self pt-cv-readmore btn btn-success\" target=\"_self\">Ver Sentencia Completa...<\/a><\/div><\/div><\/div><\/div>\n<div class=\"col-md-12 col-sm-12 col-xs-12 pt-cv-content-item pt-cv-1-col\" ><div class='pt-cv-ifield'><a href=\"https:\/\/www.dmsjuridica.com\/buscador_20179478954\/corteconstitucionalcronologico202454587\/t-879-12\/\" class=\"_self pt-cv-href-thumbnail pt-cv-thumb-default\" target=\"_self\" ><\/a>\n<div class=\"pt-cv-taxoterm above_title\"><a href='https:\/\/www.dmsjuridica.com\/buscador_20179478954\/corteconstitucionalcronologico202454587\/category\/buscar-en-toda-la-corte\/2012\/tutelas-2012\/' title='Tutelas 2012' class='pt-cv-tax-tutelas-2012'>Tutelas 2012<\/a><\/div>\n<h4 class=\"pt-cv-title\"><a href=\"https:\/\/www.dmsjuridica.com\/buscador_20179478954\/corteconstitucionalcronologico202454587\/t-879-12\/\" class=\"_self\" target=\"_self\" >T-879-12<\/a><\/h4>\n<div class=\"pt-cv-content\">\u00a0 \u00a0 Sentencia T-879\/12 \u00a0 ACCION DE TUTELA CONTRA PROVIDENCIAS JUDICIALES-Reiteraci\u00f3n de jurisprudencia sobre procedencia excepcional \u00a0 ACCION DE TUTELA CONTRA PROVIDENCIAS JUDICIALES-Causales generales y espec\u00edficas de procedibilidad \u00a0 ACCION DE TUTELA CONTRA PROVIDENCIAS JUDICIALES Y PRINCIPIO DE INMEDIATEZ \u00a0 EXIGIBILIDAD DE PAGARE-Caso en que no se considera que haya existido vulneraci\u00f3n al debido proceso de los demandantes por cuanto jueces de instancia resolvieron de conformidad con normas\/VALIDEZ Y EXIGIBILIDAD DE TITULOS VALORES-Caso en que se resolvi\u00f3 con base en presunciones que establecen el C de Co y el C de PC \u00a0 CONTRATO DE HIPOTECA-Caso en que cumpl\u00eda con ...<br \/><div class=\"pt-cv-rmwrap\"><a href=\"https:\/\/www.dmsjuridica.com\/buscador_20179478954\/corteconstitucionalcronologico202454587\/t-879-12\/\" class=\"_self pt-cv-readmore btn btn-success\" target=\"_self\">Ver Sentencia Completa...<\/a><\/div><\/div><\/div><\/div>\n<div class=\"col-md-12 col-sm-12 col-xs-12 pt-cv-content-item pt-cv-1-col\" ><div class='pt-cv-ifield'><a href=\"https:\/\/www.dmsjuridica.com\/buscador_20179478954\/corteconstitucionalcronologico202454587\/t-878-12\/\" class=\"_self pt-cv-href-thumbnail pt-cv-thumb-default\" target=\"_self\" ><\/a>\n<div class=\"pt-cv-taxoterm above_title\"><a href='https:\/\/www.dmsjuridica.com\/buscador_20179478954\/corteconstitucionalcronologico202454587\/category\/buscar-en-toda-la-corte\/2012\/tutelas-2012\/' title='Tutelas 2012' class='pt-cv-tax-tutelas-2012'>Tutelas 2012<\/a><\/div>\n<h4 class=\"pt-cv-title\"><a href=\"https:\/\/www.dmsjuridica.com\/buscador_20179478954\/corteconstitucionalcronologico202454587\/t-878-12\/\" class=\"_self\" target=\"_self\" >T-878-12<\/a><\/h4>\n<div class=\"pt-cv-content\">\u00a0 \u00a0 Sentencia T-878\/12 \u00a0 PERSONA PORTADORA DE VIH\/SIDA-Caso en que Polic\u00eda Nacional resolvi\u00f3 declarar no apto al actor para reingresar como patrullero, debido a que durante los ex\u00e1menes m\u00e9dicos fue diagnosticado como portador de VIH\u00a0 \u00a0 DEBIDO PROCESO EN ACTUACIONES ADMINISTRATIVAS-Garant\u00eda fundamental\u00a0 \u00a0 El derecho al debido proceso administrativo garantiza a las personas la posibilidad de acceder a un proceso justo y adecuado, en el cual todas las autoridades p\u00fablicas se\u00a0encuentran obligadas a actuar conforme a los actos y procedimientos establecidos en las normas para la adopci\u00f3n de sus decisiones y, por esa v\u00eda, evitar desconocer las garant\u00edas reconocidas ...<br \/><div class=\"pt-cv-rmwrap\"><a href=\"https:\/\/www.dmsjuridica.com\/buscador_20179478954\/corteconstitucionalcronologico202454587\/t-878-12\/\" class=\"_self pt-cv-readmore btn btn-success\" target=\"_self\">Ver Sentencia Completa...<\/a><\/div><\/div><\/div><\/div>\n<div class=\"col-md-12 col-sm-12 col-xs-12 pt-cv-content-item pt-cv-1-col\" ><div class='pt-cv-ifield'><a href=\"https:\/\/www.dmsjuridica.com\/buscador_20179478954\/corteconstitucionalcronologico202454587\/t-877-12\/\" class=\"_self pt-cv-href-thumbnail pt-cv-thumb-default\" target=\"_self\" ><\/a>\n<div class=\"pt-cv-taxoterm above_title\"><a href='https:\/\/www.dmsjuridica.com\/buscador_20179478954\/corteconstitucionalcronologico202454587\/category\/buscar-en-toda-la-corte\/2012\/tutelas-2012\/' title='Tutelas 2012' class='pt-cv-tax-tutelas-2012'>Tutelas 2012<\/a><\/div>\n<h4 class=\"pt-cv-title\"><a href=\"https:\/\/www.dmsjuridica.com\/buscador_20179478954\/corteconstitucionalcronologico202454587\/t-877-12\/\" class=\"_self\" target=\"_self\" >T-877-12<\/a><\/h4>\n<div class=\"pt-cv-content\">\u00a0 \u00a0 Sentencia T-877\/12 \u00a0 DERECHO AL DEBIDO PROCESO-Caso en que Secretar\u00eda de Educaci\u00f3n cancela la licencia de funcionamiento de una instituci\u00f3n educativa\u00a0 \u00a0 PRINCIPIO DE SUBSIDIARIEDAD DE LA ACCION DE TUTELA-Procedencia excepcional como mecanismo transitorio para evitar un perjuicio irremediable \u00a0 DERECHO AL DEBIDO PROCESO, IGUALDAD Y LIBERTAD ECONOMICA Y DE EMPRESA-No vulneraci\u00f3n por cuanto el perjuicio irremediable que se alega es de car\u00e1cter pecuniario y no vulnera derechos fundamentales \u00a0 Referencia: expediente T-3.529.852 \u00a0 Acci\u00f3n de tutela instaurada por Beckembauer Ortega Gelves, actuando en nombre propio y como representante legal de Inversiones Grupo Oro S. A. S., propietario ...<br \/><div class=\"pt-cv-rmwrap\"><a href=\"https:\/\/www.dmsjuridica.com\/buscador_20179478954\/corteconstitucionalcronologico202454587\/t-877-12\/\" class=\"_self pt-cv-readmore btn btn-success\" target=\"_self\">Ver Sentencia Completa...<\/a><\/div><\/div><\/div><\/div>\n<div class=\"col-md-12 col-sm-12 col-xs-12 pt-cv-content-item pt-cv-1-col\" ><div class='pt-cv-ifield'><a href=\"https:\/\/www.dmsjuridica.com\/buscador_20179478954\/corteconstitucionalcronologico202454587\/t-876-12\/\" class=\"_self pt-cv-href-thumbnail pt-cv-thumb-default\" target=\"_self\" ><\/a>\n<div class=\"pt-cv-taxoterm above_title\"><a href='https:\/\/www.dmsjuridica.com\/buscador_20179478954\/corteconstitucionalcronologico202454587\/category\/buscar-en-toda-la-corte\/2012\/tutelas-2012\/' title='Tutelas 2012' class='pt-cv-tax-tutelas-2012'>Tutelas 2012<\/a><\/div>\n<h4 class=\"pt-cv-title\"><a href=\"https:\/\/www.dmsjuridica.com\/buscador_20179478954\/corteconstitucionalcronologico202454587\/t-876-12\/\" class=\"_self\" target=\"_self\" >T-876-12<\/a><\/h4>\n<div class=\"pt-cv-content\">TRATAMIENTO MEDICO-Caso en que Secretar\u00eda de Salud y EPSS niegan cirug\u00eda de cambio de sexo\u00a0 \u00a0 LEGITIMACION POR ACTIVA EN TUTELA-Configuraci\u00f3n\/LEGITIMACION POR PASIVA EN TUTELA-Contenido y alcance\u00a0 \u00a0 Quien considere amenazado o vulnerado un derecho fundamental,\u00a0directamente o por quien act\u00fae a su nombre podr\u00e1 acudir ante un juez de la Rep\u00fablica,\u00a0\u201cen todo momento y lugar\u201d, procurando obtener la orden para que aqu\u00e9l respecto de quien se solicita la tutela, act\u00fae o se abstenga de hacerlo, seg\u00fan corresponda. Las normas reglamentarias de la tutela exigen, como presupuesto, la legitimidad e inter\u00e9s del accionante, seg\u00fan se encuentra establecido en el art\u00edculo 10\u00b0 ...<br \/><div class=\"pt-cv-rmwrap\"><a href=\"https:\/\/www.dmsjuridica.com\/buscador_20179478954\/corteconstitucionalcronologico202454587\/t-876-12\/\" class=\"_self pt-cv-readmore btn btn-success\" target=\"_self\">Ver Sentencia Completa...<\/a><\/div><\/div><\/div><\/div>\n<div class=\"col-md-12 col-sm-12 col-xs-12 pt-cv-content-item pt-cv-1-col\" ><div class='pt-cv-ifield'><a href=\"https:\/\/www.dmsjuridica.com\/buscador_20179478954\/corteconstitucionalcronologico202454587\/t-875-12\/\" class=\"_self pt-cv-href-thumbnail pt-cv-thumb-default\" target=\"_self\" ><\/a>\n<div class=\"pt-cv-taxoterm above_title\"><a href='https:\/\/www.dmsjuridica.com\/buscador_20179478954\/corteconstitucionalcronologico202454587\/category\/buscar-en-toda-la-corte\/2012\/tutelas-2012\/' title='Tutelas 2012' class='pt-cv-tax-tutelas-2012'>Tutelas 2012<\/a><\/div>\n<h4 class=\"pt-cv-title\"><a href=\"https:\/\/www.dmsjuridica.com\/buscador_20179478954\/corteconstitucionalcronologico202454587\/t-875-12\/\" class=\"_self\" target=\"_self\" >T-875-12<\/a><\/h4>\n<div class=\"pt-cv-content\">\u00a0 \u00a0 Sentencia T-875\/12 \u00a0 PRINCIPIO DE INMEDIATEZ COMO REQUISITO DE PROCEDIBILIDAD DE LA ACCION DE TUTELA-Reiteraci\u00f3n de jurisprudencia \u00a0 SERVICIO MILITAR OBLIGATORIO Y DETRIMENTO EN EL ESTADO DE SALUD-Responsabilidad de la Fuerza P\u00fablica \u00a0 Ha precisado esta Corte que si la atenci\u00f3n m\u00e9dica en principio se debe suministrar mientras la persona se encuentra vinculada a las Fuerzas Militares, y si bien este deber finaliza tan pronto se produce el desacuartelamiento, en el caso de personas que egresan con una lesi\u00f3n o enfermedad adquirida durante o con ocasi\u00f3n del servicio, no resulta constitucionalmente posible privarlas de manera inmediata de los ...<br \/><div class=\"pt-cv-rmwrap\"><a href=\"https:\/\/www.dmsjuridica.com\/buscador_20179478954\/corteconstitucionalcronologico202454587\/t-875-12\/\" class=\"_self pt-cv-readmore btn btn-success\" target=\"_self\">Ver Sentencia Completa...<\/a><\/div><\/div><\/div><\/div>\n<div class=\"col-md-12 col-sm-12 col-xs-12 pt-cv-content-item pt-cv-1-col\" ><div class='pt-cv-ifield'><a href=\"https:\/\/www.dmsjuridica.com\/buscador_20179478954\/corteconstitucionalcronologico202454587\/t-874-12\/\" class=\"_self pt-cv-href-thumbnail pt-cv-thumb-default\" target=\"_self\" ><\/a>\n<div class=\"pt-cv-taxoterm above_title\"><a href='https:\/\/www.dmsjuridica.com\/buscador_20179478954\/corteconstitucionalcronologico202454587\/category\/buscar-en-toda-la-corte\/2012\/tutelas-2012\/' title='Tutelas 2012' class='pt-cv-tax-tutelas-2012'>Tutelas 2012<\/a><\/div>\n<h4 class=\"pt-cv-title\"><a href=\"https:\/\/www.dmsjuridica.com\/buscador_20179478954\/corteconstitucionalcronologico202454587\/t-874-12\/\" class=\"_self\" target=\"_self\" >T-874-12<\/a><\/h4>\n<div class=\"pt-cv-content\">\u00a0 \u00a0 Sentencia T-874\/12 \u00a0 \u00a0(Bogot\u00e1 D.C., octubre 26) \u00a0 CARENCIA ACTUAL DE OBJETO POR DA\u00d1O CONSUMADO-Caso en que Alcald\u00eda Municipal omite cumplir un fallo proferido por un juzgado administrativo, que ordenaba el reintegro de un empleado del sector p\u00fablico y el pago de acreencias laborales\u00a0 \u00a0 ACCESO A LA ADMINISTRACION DE JUSTICIA-Derechos que compromete marco jur\u00eddico de aplicaci\u00f3n\/ACCION DE TUTELA PARA CUMPLIMIENTO DE SENTENCIAS JUDICIALES-Procedencia Excepcional\u00a0 \u00a0 El acatamiento y cumplimiento oportuno de las sentencias judiciales por parte de las entidades p\u00fablicas y los particulares, es uno de los pilares b\u00e1sicos de un Estado Social de Derecho: a trav\u00e9s ...<br \/><div class=\"pt-cv-rmwrap\"><a href=\"https:\/\/www.dmsjuridica.com\/buscador_20179478954\/corteconstitucionalcronologico202454587\/t-874-12\/\" class=\"_self pt-cv-readmore btn btn-success\" target=\"_self\">Ver Sentencia Completa...<\/a><\/div><\/div><\/div><\/div>\n<div class=\"col-md-12 col-sm-12 col-xs-12 pt-cv-content-item pt-cv-1-col\" ><div class='pt-cv-ifield'><a href=\"https:\/\/www.dmsjuridica.com\/buscador_20179478954\/corteconstitucionalcronologico202454587\/t-873-12\/\" class=\"_self pt-cv-href-thumbnail pt-cv-thumb-default\" target=\"_self\" ><\/a>\n<div class=\"pt-cv-taxoterm above_title\"><a href='https:\/\/www.dmsjuridica.com\/buscador_20179478954\/corteconstitucionalcronologico202454587\/category\/buscar-en-toda-la-corte\/2012\/tutelas-2012\/' title='Tutelas 2012' class='pt-cv-tax-tutelas-2012'>Tutelas 2012<\/a><\/div>\n<h4 class=\"pt-cv-title\"><a href=\"https:\/\/www.dmsjuridica.com\/buscador_20179478954\/corteconstitucionalcronologico202454587\/t-873-12\/\" class=\"_self\" target=\"_self\" >T-873-12<\/a><\/h4>\n<div class=\"pt-cv-content\">\u00a0 \u00a0 Sentencia T-873\/12 \u00a0 (Bogot\u00e1 D.C., octubre 26) \u00a0 INEMBARGABILIDAD DE BIENES O DINEROS PUBLICOS-No es absoluto\u00a0 \u00a0 La Ley 715 de 2001 en desarrollo del art\u00edculo 357 de la C.P.,\u00a0establece en el art\u00edculo 91 que, con respecto a los recursos del Sistema General de Participaciones,\u00a0no es posible realizar embargos, titularizaci\u00f3n u otra clase de disposici\u00f3n financiera. Por su parte, el art\u00edculo 18 dispone que estos dineros\u00a0no condormaran unidad de caja con las dem\u00e1s rentas y recursos de la entidad territorial y que los recursos del sector educativo,\u00a0no podr\u00e1n ser objeto de embargo, pignoraci\u00f3n, titularizaci\u00f3n o de cualquier otra ...<br \/><div class=\"pt-cv-rmwrap\"><a href=\"https:\/\/www.dmsjuridica.com\/buscador_20179478954\/corteconstitucionalcronologico202454587\/t-873-12\/\" class=\"_self pt-cv-readmore btn btn-success\" target=\"_self\">Ver Sentencia Completa...<\/a><\/div><\/div><\/div><\/div>\n<div class=\"col-md-12 col-sm-12 col-xs-12 pt-cv-content-item pt-cv-1-col\" ><div class='pt-cv-ifield'><a href=\"https:\/\/www.dmsjuridica.com\/buscador_20179478954\/corteconstitucionalcronologico202454587\/t-872-12\/\" class=\"_self pt-cv-href-thumbnail pt-cv-thumb-default\" target=\"_self\" ><\/a>\n<div class=\"pt-cv-taxoterm above_title\"><a href='https:\/\/www.dmsjuridica.com\/buscador_20179478954\/corteconstitucionalcronologico202454587\/category\/buscar-en-toda-la-corte\/2012\/tutelas-2012\/' title='Tutelas 2012' class='pt-cv-tax-tutelas-2012'>Tutelas 2012<\/a><\/div>\n<h4 class=\"pt-cv-title\"><a href=\"https:\/\/www.dmsjuridica.com\/buscador_20179478954\/corteconstitucionalcronologico202454587\/t-872-12\/\" class=\"_self\" target=\"_self\" >T-872-12<\/a><\/h4>\n<div class=\"pt-cv-content\">\u00a0 \u00a0 Sentencia T-872\/12 \u00a0 (Bogot\u00e1, DC, \u00a0octubre 26) \u00a0 ACCION DE NULIDAD Y RESTABLECIMIENTO DEL DERECHO-Caso de suboficial que solicita reconocimiento y pago de la pensi\u00f3n de invalidez acorde con el r\u00e9gimen especial de la fuerza p\u00fablica\u00a0 \u00a0 ACCION DE TUTELA CONTRA PROVIDENCIAS JUDICIALES-Requisitos generales y especiales de procedibilidad \u00a0 La Corte Constitucional ha admitido que la acci\u00f3n de tutela procede excepcionalmente contra sentencias judiciales. En este sentido, la sentencia C-590 de 2005 recogi\u00f3 la jurisprudencia constitucional sobre la materia e indic\u00f3 las causales gen\u00e9ricas y espec\u00edficas que debe analizar el juez constitucional al resolver una tutela contra providencia ...<br \/><div class=\"pt-cv-rmwrap\"><a href=\"https:\/\/www.dmsjuridica.com\/buscador_20179478954\/corteconstitucionalcronologico202454587\/t-872-12\/\" class=\"_self pt-cv-readmore btn btn-success\" target=\"_self\">Ver Sentencia Completa...<\/a><\/div><\/div><\/div><\/div>\n<div class=\"col-md-12 col-sm-12 col-xs-12 pt-cv-content-item pt-cv-1-col\" ><div class='pt-cv-ifield'><a href=\"https:\/\/www.dmsjuridica.com\/buscador_20179478954\/corteconstitucionalcronologico202454587\/t-871-12\/\" class=\"_self pt-cv-href-thumbnail pt-cv-thumb-default\" target=\"_self\" ><\/a>\n<div class=\"pt-cv-taxoterm above_title\"><a href='https:\/\/www.dmsjuridica.com\/buscador_20179478954\/corteconstitucionalcronologico202454587\/category\/buscar-en-toda-la-corte\/2012\/tutelas-2012\/' title='Tutelas 2012' class='pt-cv-tax-tutelas-2012'>Tutelas 2012<\/a><\/div>\n<h4 class=\"pt-cv-title\"><a href=\"https:\/\/www.dmsjuridica.com\/buscador_20179478954\/corteconstitucionalcronologico202454587\/t-871-12\/\" class=\"_self\" target=\"_self\" >T-871-12<\/a><\/h4>\n<div class=\"pt-cv-content\">\u00a0(Bogot\u00e1, DC, octubre 26) \u00a0 ACCION DE TUTELA PARA RECLAMAR PAGO DE ACREENCIAS LABORALES-Procedencia excepcional por afectaci\u00f3n del m\u00ednimo vital \u00a0 La acci\u00f3n de tutela, por regla general, es improcedente para exigir el cobro de acreencias, excepcionalmente procede para ordenar el pago de acreencias laborales, cuando se acredita la vulneraci\u00f3n del derecho fundamental al m\u00ednimo vital del tutelante, como tambi\u00e9n, la inminente configuraci\u00f3n de un perjuicio no remediable. As\u00ed, la Corte ha concedido peticiones de tutela encaminadas a exigir, de entidades en reestructuraci\u00f3n, el pago de acreencias contractuales:\u00a0en lo que ata\u00f1e a las acreencias laborales, lo ha hecho por haberse ...<br \/><div class=\"pt-cv-rmwrap\"><a href=\"https:\/\/www.dmsjuridica.com\/buscador_20179478954\/corteconstitucionalcronologico202454587\/t-871-12\/\" class=\"_self pt-cv-readmore btn btn-success\" target=\"_self\">Ver Sentencia Completa...<\/a><\/div><\/div><\/div><\/div>\n<div class=\"col-md-12 col-sm-12 col-xs-12 pt-cv-content-item pt-cv-1-col\" ><div class='pt-cv-ifield'><a href=\"https:\/\/www.dmsjuridica.com\/buscador_20179478954\/corteconstitucionalcronologico202454587\/t-870-12\/\" class=\"_self pt-cv-href-thumbnail pt-cv-thumb-default\" target=\"_self\" ><\/a>\n<div class=\"pt-cv-taxoterm above_title\"><a href='https:\/\/www.dmsjuridica.com\/buscador_20179478954\/corteconstitucionalcronologico202454587\/category\/buscar-en-toda-la-corte\/2012\/tutelas-2012\/' title='Tutelas 2012' class='pt-cv-tax-tutelas-2012'>Tutelas 2012<\/a><\/div>\n<h4 class=\"pt-cv-title\"><a href=\"https:\/\/www.dmsjuridica.com\/buscador_20179478954\/corteconstitucionalcronologico202454587\/t-870-12\/\" class=\"_self\" target=\"_self\" >T-870-12<\/a><\/h4>\n<div class=\"pt-cv-content\">\u00a0 \u00a0 Sentencia T-870\/12 \u00a0 ACCION DE TUTELA PARA EL RECONOCIMIENTO DE PENSION DE INVALIDEZ-Caso en que el ISS no reconoci\u00f3 pensi\u00f3n por invalidez por no haberse acreditado el requisito m\u00ednimo de las 50 semanas\u00a0 \u00a0 ACCION DE TUTELA PARA EL RECONOCIMIENTO DE ACREENCIAS PENSIONALES-Presupuestos constitucionales sobre la procedencia\u00a0 \u00a0 Esta Corporaci\u00f3n ha admitido la procedencia de la acci\u00f3n de tutela para el reconocimiento de un derecho pensional, cuando quien lo solicita es una persona de especial protecci\u00f3n constitucional. Aunado a lo anterior, tambi\u00e9n debe demostrarse que: a. La falta de pago de la prestaci\u00f3n genera un alto grado de ...<br \/><div class=\"pt-cv-rmwrap\"><a href=\"https:\/\/www.dmsjuridica.com\/buscador_20179478954\/corteconstitucionalcronologico202454587\/t-870-12\/\" class=\"_self pt-cv-readmore btn btn-success\" target=\"_self\">Ver Sentencia Completa...<\/a><\/div><\/div><\/div><\/div>\n<div class=\"col-md-12 col-sm-12 col-xs-12 pt-cv-content-item pt-cv-1-col\" ><div class='pt-cv-ifield'><a href=\"https:\/\/www.dmsjuridica.com\/buscador_20179478954\/corteconstitucionalcronologico202454587\/t-869-12\/\" class=\"_self pt-cv-href-thumbnail pt-cv-thumb-default\" target=\"_self\" ><\/a>\n<div class=\"pt-cv-taxoterm above_title\"><a href='https:\/\/www.dmsjuridica.com\/buscador_20179478954\/corteconstitucionalcronologico202454587\/category\/buscar-en-toda-la-corte\/2012\/tutelas-2012\/' title='Tutelas 2012' class='pt-cv-tax-tutelas-2012'>Tutelas 2012<\/a><\/div>\n<h4 class=\"pt-cv-title\"><a href=\"https:\/\/www.dmsjuridica.com\/buscador_20179478954\/corteconstitucionalcronologico202454587\/t-869-12\/\" class=\"_self\" target=\"_self\" >T-869-12<\/a><\/h4>\n<div class=\"pt-cv-content\">\u00a0 \u00a0 Sentencia T-869\/12\u00a0 \u00a0 DERECHO A LA SALUD DEL MENOR-Caso en que EPS no autoriza atenci\u00f3n m\u00e9dica domiciliaria y entrega de elementos de aseo a menor que padece S\u00edndrome de Down \u00a0 DERECHO A LA SALUD DE LOS NI\u00d1OS COMO FUNDAMENTAL, AUTONOMO Y PREVALENTE-Reiteraci\u00f3n de jurisprudencia \u00a0 La protecci\u00f3n al derecho a la salud, seg\u00fan la Corte Constitucional, cobra mayor relevancia, seg\u00fan la condici\u00f3n de los sujetos que alegan el derecho,\u00a0como sucede en el caso de los ni\u00f1os, ni\u00f1as y adolescentes, siendo de protecci\u00f3n reforzada de manera especial cuando \u00e9stos presentan alg\u00fan tipo de discapacidad que les ocasiona una ...<br \/><div class=\"pt-cv-rmwrap\"><a href=\"https:\/\/www.dmsjuridica.com\/buscador_20179478954\/corteconstitucionalcronologico202454587\/t-869-12\/\" class=\"_self pt-cv-readmore btn btn-success\" target=\"_self\">Ver Sentencia Completa...<\/a><\/div><\/div><\/div><\/div>\n<div class=\"col-md-12 col-sm-12 col-xs-12 pt-cv-content-item pt-cv-1-col\" ><div class='pt-cv-ifield'><a href=\"https:\/\/www.dmsjuridica.com\/buscador_20179478954\/corteconstitucionalcronologico202454587\/t-868-12\/\" class=\"_self pt-cv-href-thumbnail pt-cv-thumb-default\" target=\"_self\" ><\/a>\n<div class=\"pt-cv-taxoterm above_title\"><a href='https:\/\/www.dmsjuridica.com\/buscador_20179478954\/corteconstitucionalcronologico202454587\/category\/buscar-en-toda-la-corte\/2012\/tutelas-2012\/' title='Tutelas 2012' class='pt-cv-tax-tutelas-2012'>Tutelas 2012<\/a><\/div>\n<h4 class=\"pt-cv-title\"><a href=\"https:\/\/www.dmsjuridica.com\/buscador_20179478954\/corteconstitucionalcronologico202454587\/t-868-12\/\" class=\"_self\" target=\"_self\" >T-868-12<\/a><\/h4>\n<div class=\"pt-cv-content\">\u00a0 \u00a0 Sentencia T-868\/12 \u00a0 DERECHO A LA SALUD Y A LA VIDA DIGNA DE PERSONA DE LA TERCERA EDAD-Caso en que EPS niega el suministro de elementos como pa\u00f1ales desechables y prestaci\u00f3n de tratamiento integral\u00a0 \u00a0 ACCION DE TUTELA DE PERSONA DE LA TERCERA EDAD-Procedencia \u00a0 Respecto a la especial condici\u00f3n en que se encuentran las personas de edad avanzada, la Corte ha resaltado la protecci\u00f3n que a su favor impone el art\u00edculo 46 constitucional, primordialmente por el v\u00ednculo que une la salud con la posibilidad de llevar una vida digna. La Corte ha establecido que la acci\u00f3n de ...<br \/><div class=\"pt-cv-rmwrap\"><a href=\"https:\/\/www.dmsjuridica.com\/buscador_20179478954\/corteconstitucionalcronologico202454587\/t-868-12\/\" class=\"_self pt-cv-readmore btn btn-success\" target=\"_self\">Ver Sentencia Completa...<\/a><\/div><\/div><\/div><\/div>\n<div class=\"col-md-12 col-sm-12 col-xs-12 pt-cv-content-item pt-cv-1-col\" ><div class='pt-cv-ifield'><a href=\"https:\/\/www.dmsjuridica.com\/buscador_20179478954\/corteconstitucionalcronologico202454587\/t-867-12\/\" class=\"_self pt-cv-href-thumbnail pt-cv-thumb-default\" target=\"_self\" ><\/a>\n<div class=\"pt-cv-taxoterm above_title\"><a href='https:\/\/www.dmsjuridica.com\/buscador_20179478954\/corteconstitucionalcronologico202454587\/category\/buscar-en-toda-la-corte\/2012\/tutelas-2012\/' title='Tutelas 2012' class='pt-cv-tax-tutelas-2012'>Tutelas 2012<\/a><\/div>\n<h4 class=\"pt-cv-title\"><a href=\"https:\/\/www.dmsjuridica.com\/buscador_20179478954\/corteconstitucionalcronologico202454587\/t-867-12\/\" class=\"_self\" target=\"_self\" >T-867-12<\/a><\/h4>\n<div class=\"pt-cv-content\">\u00a0 \u00a0 Sentencia T-867\/12 \u00a0 ACCION DE TUTELA CONTRA PROVIDENCIAS JUDICIALES-Caso en que se solicita amparo contra el acto administrativo de nombramiento de un tercero en el cargo del actor \u00a0 \u00a0 ACCION DE TUTELA CONTRA PROVIDENCIAS JUDICIALES-Requisito de subsidiariedad\u00a0 \u00a0 La Corte Constitucional ha establecido que la acci\u00f3n de tutela es un mecanismo judicial de car\u00e1cter excepcional que garantiza la protecci\u00f3n inmediata de los derechos fundamentales vulnerados o violados con ocasi\u00f3n de la actuaci\u00f3n u omisi\u00f3n de una entidad p\u00fablica o de manera excepcional por un particular. En efecto para que proceda la tutela contra providencias judiciales resulta necesario ...<br \/><div class=\"pt-cv-rmwrap\"><a href=\"https:\/\/www.dmsjuridica.com\/buscador_20179478954\/corteconstitucionalcronologico202454587\/t-867-12\/\" class=\"_self pt-cv-readmore btn btn-success\" target=\"_self\">Ver Sentencia Completa...<\/a><\/div><\/div><\/div><\/div>\n<div class=\"col-md-12 col-sm-12 col-xs-12 pt-cv-content-item pt-cv-1-col\" ><div class='pt-cv-ifield'><a href=\"https:\/\/www.dmsjuridica.com\/buscador_20179478954\/corteconstitucionalcronologico202454587\/t-866-12\/\" class=\"_self pt-cv-href-thumbnail pt-cv-thumb-default\" target=\"_self\" ><\/a>\n<div class=\"pt-cv-taxoterm above_title\"><a href='https:\/\/www.dmsjuridica.com\/buscador_20179478954\/corteconstitucionalcronologico202454587\/category\/buscar-en-toda-la-corte\/2012\/tutelas-2012\/' title='Tutelas 2012' class='pt-cv-tax-tutelas-2012'>Tutelas 2012<\/a><\/div>\n<h4 class=\"pt-cv-title\"><a href=\"https:\/\/www.dmsjuridica.com\/buscador_20179478954\/corteconstitucionalcronologico202454587\/t-866-12\/\" class=\"_self\" target=\"_self\" >T-866-12<\/a><\/h4>\n<div class=\"pt-cv-content\">\u00a0 \u00a0 Sentencia T-866\/12 \u00a0 ACCION DE TUTELA CONTRA PROVIDENCIAS JUDICIALES-Procedencia excepcional para la protecci\u00f3n de derechos fundamentales\u00a0 \u00a0 La procedencia de la acci\u00f3n de tutela contra providencias judiciales tiene un car\u00e1cter excepcional, est\u00e1 supeditada, entre otras cosas, a que los efectos de una decisi\u00f3n judicial vulneren o amenacen derechos fundamentales y a que no exista otro mecanismo judicial id\u00f3neo para proteger el derecho comprometido. \u00a0 ACCION DE TUTELA CONTRA PROVIDENCIAS JUDICIALES-Requisitos generales y especiales de procedibilidad \u00a0 Esta Corporaci\u00f3n ha sentado una abundante jurisprudencia en torno a lo que en los primeros a\u00f1os fue llamado\u00a0v\u00eda de hecho\u00a0y que m\u00e1s ...<br \/><div class=\"pt-cv-rmwrap\"><a href=\"https:\/\/www.dmsjuridica.com\/buscador_20179478954\/corteconstitucionalcronologico202454587\/t-866-12\/\" class=\"_self pt-cv-readmore btn btn-success\" target=\"_self\">Ver Sentencia Completa...<\/a><\/div><\/div><\/div><\/div>\n<div class=\"col-md-12 col-sm-12 col-xs-12 pt-cv-content-item pt-cv-1-col\" ><div class='pt-cv-ifield'><a href=\"https:\/\/www.dmsjuridica.com\/buscador_20179478954\/corteconstitucionalcronologico202454587\/t-865-12\/\" class=\"_self pt-cv-href-thumbnail pt-cv-thumb-default\" target=\"_self\" ><\/a>\n<div class=\"pt-cv-taxoterm above_title\"><a href='https:\/\/www.dmsjuridica.com\/buscador_20179478954\/corteconstitucionalcronologico202454587\/category\/buscar-en-toda-la-corte\/2012\/tutelas-2012\/' title='Tutelas 2012' class='pt-cv-tax-tutelas-2012'>Tutelas 2012<\/a><\/div>\n<h4 class=\"pt-cv-title\"><a href=\"https:\/\/www.dmsjuridica.com\/buscador_20179478954\/corteconstitucionalcronologico202454587\/t-865-12\/\" class=\"_self\" target=\"_self\" >T-865-12<\/a><\/h4>\n<div class=\"pt-cv-content\">\u00a0 \u00a0 Sentencia T-865\/12 \u00a0 ACCION DE TUTELA CONTRA DIRECTOR DE ESTABLECIMIENTO CARCELARIO-Caso donde el actor solicita el reconocimiento y pago de las bonificaciones por el tiempo desempe\u00f1ado como bibliotecario del establecimiento carcelario\u00a0 \u00a0 ESTABLECIMIENTO CARCELARIO-Deber de protecci\u00f3n derechos de los reclusos \u00a0 En m\u00faltiples ocasiones la Corte Constitucional ha indicado que, si bien es cierto que los internos se encuentran en una situaci\u00f3n especial de subordinaci\u00f3n o sujeci\u00f3n\u00a0frente al Estado por motivo del crimen cometido y, como consecuencia de lo anterior, algunos de sus derechos se ven suspendidos y otros pueden verse restringidos, tambi\u00e9n es cierto que varios de ...<br \/><div class=\"pt-cv-rmwrap\"><a href=\"https:\/\/www.dmsjuridica.com\/buscador_20179478954\/corteconstitucionalcronologico202454587\/t-865-12\/\" class=\"_self pt-cv-readmore btn btn-success\" target=\"_self\">Ver Sentencia Completa...<\/a><\/div><\/div><\/div><\/div>\n<div class=\"col-md-12 col-sm-12 col-xs-12 pt-cv-content-item pt-cv-1-col\" ><div class='pt-cv-ifield'><a href=\"https:\/\/www.dmsjuridica.com\/buscador_20179478954\/corteconstitucionalcronologico202454587\/t-864-12\/\" class=\"_self pt-cv-href-thumbnail pt-cv-thumb-default\" target=\"_self\" ><\/a>\n<div class=\"pt-cv-taxoterm above_title\"><a href='https:\/\/www.dmsjuridica.com\/buscador_20179478954\/corteconstitucionalcronologico202454587\/category\/buscar-en-toda-la-corte\/2012\/tutelas-2012\/' title='Tutelas 2012' class='pt-cv-tax-tutelas-2012'>Tutelas 2012<\/a><\/div>\n<h4 class=\"pt-cv-title\"><a href=\"https:\/\/www.dmsjuridica.com\/buscador_20179478954\/corteconstitucionalcronologico202454587\/t-864-12\/\" class=\"_self\" target=\"_self\" >T-864-12<\/a><\/h4>\n<div class=\"pt-cv-content\">PROTECCION CONSTITUCIONAL E INTERNACIONAL DE PERSONAS CON DISCAPACIDAD-Caso de menores y adultos que padecen discapacidad cognitiva y solicitan terapias a sus respectivas EPS\u00a0 \u00a0 PROTECCION REFORZADA DEL SERVICIO DE SALUD A MENORES DE EDAD-Reiteraci\u00f3n de jurisprudencia\/DERECHO FUNDAMENTAL A LA SALUD DE LOS NI\u00d1OS Y NI\u00d1AS CON DISCAPACIDAD-Protecci\u00f3n constitucional \u00a0 El art\u00edculo 44 de la Constituci\u00f3n Pol\u00edtica determina varios derechos, entre ellos el de la salud de los ni\u00f1os, cuya protecci\u00f3n en el caso de los ni\u00f1os son de car\u00e1cter\u00a0\u2018fundamental\u2019, y debe ser protegido en forma inmediata por el juez constitucional en los eventos en que sea vulnerado en raz\u00f3n a ...<br \/><div class=\"pt-cv-rmwrap\"><a href=\"https:\/\/www.dmsjuridica.com\/buscador_20179478954\/corteconstitucionalcronologico202454587\/t-864-12\/\" class=\"_self pt-cv-readmore btn btn-success\" target=\"_self\">Ver Sentencia Completa...<\/a><\/div><\/div><\/div><\/div>\n<div class=\"col-md-12 col-sm-12 col-xs-12 pt-cv-content-item pt-cv-1-col\" ><div class='pt-cv-ifield'><a href=\"https:\/\/www.dmsjuridica.com\/buscador_20179478954\/corteconstitucionalcronologico202454587\/t-861-12\/\" class=\"_self pt-cv-href-thumbnail pt-cv-thumb-default\" target=\"_self\" ><\/a>\n<div class=\"pt-cv-taxoterm above_title\"><a href='https:\/\/www.dmsjuridica.com\/buscador_20179478954\/corteconstitucionalcronologico202454587\/category\/buscar-en-toda-la-corte\/2012\/tutelas-2012\/' title='Tutelas 2012' class='pt-cv-tax-tutelas-2012'>Tutelas 2012<\/a><\/div>\n<h4 class=\"pt-cv-title\"><a href=\"https:\/\/www.dmsjuridica.com\/buscador_20179478954\/corteconstitucionalcronologico202454587\/t-861-12\/\" class=\"_self\" target=\"_self\" >T-861-12<\/a><\/h4>\n<div class=\"pt-cv-content\">\u00a0 \u00a0 Sentencia T-861\/12 \u00a0 DERECHO FUNDAMENTAL A LA SALUD-Naturaleza y alcance \u00a0 DERECHO A LA SALUD Y A LA VIDA-Garant\u00c3\u00ada de efectividad en el problema de salud p\u00c3\u00bablica de la obesidad m\u00c3\u00b3rbida \u00a0 OBESIDAD MORBIDA COMO PROBLEMA DE SALUD PUBLICA Y LA AUTORIZACION DE CIRUGIA BARIATRICA \u00a0 El sobrepeso y la obesidad son el quinto factor principal de riesgo de defunci\u00c3\u00b3n en el mundo. Cada a\u00c3\u00b1o fallecen por lo menos 2,8 millones de personas adultas como consecuencia del sobrepeso o la obesidad. Se considera que el 44% de la carga de diabetes, el 23% de la carga de cardiopat\u00c3\u00adas ...<br \/><div class=\"pt-cv-rmwrap\"><a href=\"https:\/\/www.dmsjuridica.com\/buscador_20179478954\/corteconstitucionalcronologico202454587\/t-861-12\/\" class=\"_self pt-cv-readmore btn btn-success\" target=\"_self\">Ver Sentencia Completa...<\/a><\/div><\/div><\/div><\/div>\n<div class=\"col-md-12 col-sm-12 col-xs-12 pt-cv-content-item pt-cv-1-col\" ><div class='pt-cv-ifield'><a href=\"https:\/\/www.dmsjuridica.com\/buscador_20179478954\/corteconstitucionalcronologico202454587\/t-860-12\/\" class=\"_self pt-cv-href-thumbnail pt-cv-thumb-default\" target=\"_self\" ><\/a>\n<div class=\"pt-cv-taxoterm above_title\"><a href='https:\/\/www.dmsjuridica.com\/buscador_20179478954\/corteconstitucionalcronologico202454587\/category\/buscar-en-toda-la-corte\/2012\/tutelas-2012\/' title='Tutelas 2012' class='pt-cv-tax-tutelas-2012'>Tutelas 2012<\/a><\/div>\n<h4 class=\"pt-cv-title\"><a href=\"https:\/\/www.dmsjuridica.com\/buscador_20179478954\/corteconstitucionalcronologico202454587\/t-860-12\/\" class=\"_self\" target=\"_self\" >T-860-12<\/a><\/h4>\n<div class=\"pt-cv-content\">\u00a0 \u00a0 Sentencia T-860\/12 \u00a0 ACCION DE TUTELA CONTRA PROVIDENCIAS JUDICIALES-Reiteraci\u00f3n de jurisprudencia sobre procedencia excepcional \u00a0 La jurisprudencia de este Tribunal ha se\u00f1alado distintos requisitos de procedencia de la acci\u00f3n de tutela impetrada contra providencias judiciales, las que se constituyen en los motivos que ameritar\u00edan conceder el amparo que ha sido intentado en contra de una decisi\u00f3n judicial acusada de constituir una v\u00eda de hecho \u00a0 PENSION DE VEJEZ-Sistema General de Pensiones previstos en la Ley 100 de 1993\u00a0 \u00a0 DERECHO AL REGIMEN DE TRANSICION EN MATERIA PENSIONAL-Articulo 36 de la Ley 100 de 1993 \u00a0 Esta Corporaci\u00f3n defini\u00f3 ...<br \/><div class=\"pt-cv-rmwrap\"><a href=\"https:\/\/www.dmsjuridica.com\/buscador_20179478954\/corteconstitucionalcronologico202454587\/t-860-12\/\" class=\"_self pt-cv-readmore btn btn-success\" target=\"_self\">Ver Sentencia Completa...<\/a><\/div><\/div><\/div><\/div>\n<div class=\"col-md-12 col-sm-12 col-xs-12 pt-cv-content-item pt-cv-1-col\" ><div class='pt-cv-ifield'><a href=\"https:\/\/www.dmsjuridica.com\/buscador_20179478954\/corteconstitucionalcronologico202454587\/t-859-12\/\" class=\"_self pt-cv-href-thumbnail pt-cv-thumb-default\" target=\"_self\" ><\/a>\n<div class=\"pt-cv-taxoterm above_title\"><a href='https:\/\/www.dmsjuridica.com\/buscador_20179478954\/corteconstitucionalcronologico202454587\/category\/buscar-en-toda-la-corte\/2012\/tutelas-2012\/' title='Tutelas 2012' class='pt-cv-tax-tutelas-2012'>Tutelas 2012<\/a><\/div>\n<h4 class=\"pt-cv-title\"><a href=\"https:\/\/www.dmsjuridica.com\/buscador_20179478954\/corteconstitucionalcronologico202454587\/t-859-12\/\" class=\"_self\" target=\"_self\" >T-859-12<\/a><\/h4>\n<div class=\"pt-cv-content\">\u00a0 \u00a0 Sentencia T-859\/12 \u00a0 ACCION DE TUTELA CONTRA PROVIDENCIAS JUDICIALES-Reiteraci\u00f3n de jurisprudencia sobre procedencia excepcional \u00a0 La acci\u00f3n de tutela tiene cabida de manera excepcional contra sentencias judiciales. la interposici\u00f3n de la tutela contra sentencias judiciales es una facultad reconocida desde la propia Constituci\u00f3n y concordante con las normas que se integran a ella en virtud del bloque de constitucionalidad, ya que es claro que siendo las sentencias actos de autoridades p\u00fablicas individuales o colectivas, que ejercen funci\u00f3n jurisdiccional, las mismas no est\u00e1n exentas del riesgo de afectar derechos fundamentales y, en consecuencia, de ser controvertidas por esta v\u00eda ...<br \/><div class=\"pt-cv-rmwrap\"><a href=\"https:\/\/www.dmsjuridica.com\/buscador_20179478954\/corteconstitucionalcronologico202454587\/t-859-12\/\" class=\"_self pt-cv-readmore btn btn-success\" target=\"_self\">Ver Sentencia Completa...<\/a><\/div><\/div><\/div><\/div>\n<div class=\"col-md-12 col-sm-12 col-xs-12 pt-cv-content-item pt-cv-1-col\" ><div class='pt-cv-ifield'><a href=\"https:\/\/www.dmsjuridica.com\/buscador_20179478954\/corteconstitucionalcronologico202454587\/t-858-12\/\" class=\"_self pt-cv-href-thumbnail pt-cv-thumb-default\" target=\"_self\" ><\/a>\n<div class=\"pt-cv-taxoterm above_title\"><a href='https:\/\/www.dmsjuridica.com\/buscador_20179478954\/corteconstitucionalcronologico202454587\/category\/buscar-en-toda-la-corte\/2012\/tutelas-2012\/' title='Tutelas 2012' class='pt-cv-tax-tutelas-2012'>Tutelas 2012<\/a><\/div>\n<h4 class=\"pt-cv-title\"><a href=\"https:\/\/www.dmsjuridica.com\/buscador_20179478954\/corteconstitucionalcronologico202454587\/t-858-12\/\" class=\"_self\" target=\"_self\" >T-858-12<\/a><\/h4>\n<div class=\"pt-cv-content\">\u00a0 \u00a0 Sentencia T-858\/12 \u00a0 LEGITIMACION POR ACTIVA EN TUTELA Y AGENCIA OFICIOSA-Reiteraci\u00f3n de jurisprudencia\u00a0 \u00a0 Esta Corte ha indicado que la agencia oficiosa se da cuando el titular del derecho no puede asumir su defensa personalmente y tiene como finalidad garantizar la protecci\u00f3n y eficacia de sus derechos fundamentales, al admitir que un tercero interponga la acci\u00f3n y act\u00fae en su favor sin que medie poder. Asimismo, ha determinado que para intervenir como agente oficioso se deben verificar dos requisitos: (i) que el agente oficioso manifieste actuar en tal sentido; y (ii) que de los hechos que fundamentan la ...<br \/><div class=\"pt-cv-rmwrap\"><a href=\"https:\/\/www.dmsjuridica.com\/buscador_20179478954\/corteconstitucionalcronologico202454587\/t-858-12\/\" class=\"_self pt-cv-readmore btn btn-success\" target=\"_self\">Ver Sentencia Completa...<\/a><\/div><\/div><\/div><\/div>\n<div class=\"col-md-12 col-sm-12 col-xs-12 pt-cv-content-item pt-cv-1-col\" ><div class='pt-cv-ifield'><a href=\"https:\/\/www.dmsjuridica.com\/buscador_20179478954\/corteconstitucionalcronologico202454587\/t-857-12\/\" class=\"_self pt-cv-href-thumbnail pt-cv-thumb-default\" target=\"_self\" ><\/a>\n<div class=\"pt-cv-taxoterm above_title\"><a href='https:\/\/www.dmsjuridica.com\/buscador_20179478954\/corteconstitucionalcronologico202454587\/category\/buscar-en-toda-la-corte\/2012\/tutelas-2012\/' title='Tutelas 2012' class='pt-cv-tax-tutelas-2012'>Tutelas 2012<\/a><\/div>\n<h4 class=\"pt-cv-title\"><a href=\"https:\/\/www.dmsjuridica.com\/buscador_20179478954\/corteconstitucionalcronologico202454587\/t-857-12\/\" class=\"_self\" target=\"_self\" >T-857-12<\/a><\/h4>\n<div class=\"pt-cv-content\">\u00a0 \u00a0 \u00a0Sentencia T-857\/12 \u00a0 ACCION DE TUTELA CONTRA PROVIDENCIAS JUDICIALES-Condiciones para procedibilidad excepcional \u00a0 ACCION DE TUTELA CONTRA PROVIDENCIAS JUDICIALES-Evoluci\u00f3n jurisprudencial \u00a0 La sentencia C-590 de 2005 declar\u00f3 inexequible la norma que imped\u00eda interponer la acci\u00f3n de tutela contra decisiones de casaci\u00f3n en materia penal. Se advirti\u00f3 que dicha restricci\u00f3n vulneraba, entre otras normas, el art\u00edculo 86 de la Constituci\u00f3n. Los criterios expuestos en tal determinaci\u00f3n resultan aplicables para reivindicar la procedencia excepcional del amparo, especialmente contra los fallos de los \u00f3rganos m\u00e1s altos de las jurisdicciones ordinaria, contencioso administrativa y jurisdiccional disciplinaria. \u00a0 ACCION DE TUTELA CONTRA PROVIDENCIAS ...<br \/><div class=\"pt-cv-rmwrap\"><a href=\"https:\/\/www.dmsjuridica.com\/buscador_20179478954\/corteconstitucionalcronologico202454587\/t-857-12\/\" class=\"_self pt-cv-readmore btn btn-success\" target=\"_self\">Ver Sentencia Completa...<\/a><\/div><\/div><\/div><\/div>\n<div class=\"col-md-12 col-sm-12 col-xs-12 pt-cv-content-item pt-cv-1-col\" ><div class='pt-cv-ifield'><a href=\"https:\/\/www.dmsjuridica.com\/buscador_20179478954\/corteconstitucionalcronologico202454587\/t-856-12\/\" class=\"_self pt-cv-href-thumbnail pt-cv-thumb-default\" target=\"_self\" ><\/a>\n<div class=\"pt-cv-taxoterm above_title\"><a href='https:\/\/www.dmsjuridica.com\/buscador_20179478954\/corteconstitucionalcronologico202454587\/category\/buscar-en-toda-la-corte\/2012\/tutelas-2012\/' title='Tutelas 2012' class='pt-cv-tax-tutelas-2012'>Tutelas 2012<\/a><\/div>\n<h4 class=\"pt-cv-title\"><a href=\"https:\/\/www.dmsjuridica.com\/buscador_20179478954\/corteconstitucionalcronologico202454587\/t-856-12\/\" class=\"_self\" target=\"_self\" >T-856-12<\/a><\/h4>\n<div class=\"pt-cv-content\">\u00a0 \u00a0 Sentencia T-856\/12 \u00a0 ACCESO A TRATAMIENTO MEDICO O MEDICAMENTO EXCLUIDO DEL POS-Caso en que EPSS niega cirug\u00eda argumentando que es un servicio no incluido en el POS\u00a0 \u00a0 CARENCIA ACTUAL DE OBJETO-Fen\u00f3meno que puede presentarse a partir de dos eventos que a su vez sugieren consecuencias distintas: hecho superado y da\u00f1o consumado \u00a0 ACCESO A TRATAMIENTO MEDICO O MEDICAMENTO EXCLUIDO DEL POS-Criterios constitucionales para acceder a servicios no POS \u00a0 La Corte ha desarrollado subreglas jurisprudenciales en donde se ha considerado que, aun cuando el servicio o medicamento se encuentre excluido de los planes obligatorios, si se cumplen ...<br \/><div class=\"pt-cv-rmwrap\"><a href=\"https:\/\/www.dmsjuridica.com\/buscador_20179478954\/corteconstitucionalcronologico202454587\/t-856-12\/\" class=\"_self pt-cv-readmore btn btn-success\" target=\"_self\">Ver Sentencia Completa...<\/a><\/div><\/div><\/div><\/div>\n<div class=\"col-md-12 col-sm-12 col-xs-12 pt-cv-content-item pt-cv-1-col\" ><div class='pt-cv-ifield'><a href=\"https:\/\/www.dmsjuridica.com\/buscador_20179478954\/corteconstitucionalcronologico202454587\/t-855-12\/\" class=\"_self pt-cv-href-thumbnail pt-cv-thumb-default\" target=\"_self\" ><\/a>\n<div class=\"pt-cv-taxoterm above_title\"><a href='https:\/\/www.dmsjuridica.com\/buscador_20179478954\/corteconstitucionalcronologico202454587\/category\/buscar-en-toda-la-corte\/2012\/tutelas-2012\/' title='Tutelas 2012' class='pt-cv-tax-tutelas-2012'>Tutelas 2012<\/a><\/div>\n<h4 class=\"pt-cv-title\"><a href=\"https:\/\/www.dmsjuridica.com\/buscador_20179478954\/corteconstitucionalcronologico202454587\/t-855-12\/\" class=\"_self\" target=\"_self\" >T-855-12<\/a><\/h4>\n<div class=\"pt-cv-content\">\u00a0 \u00a0 Sentencia T-855\/12 \u00a0 ACCION DE TUTELA-Car\u00e1cter subsidiario y residual \u00a0 ACCION DE TUTELA PARA RECONOCIMIENTO DE ACREENCIAS LABORALES-Improcedencia general\/ACCION DE TUTELA PARA EL RECONOCIMIENTO DE ACREENCIAS PENSIONALES-Improcedencia general \u00a0 Por regla general la acci\u00f3n de tutela es improcedente para reclamar derechos econ\u00f3micos o prestacionales tales como acreencias pensionales o laborales. No obstante el juez constitucional podr\u00e1 estudiar de fondo el caso concreto, cuando se encuentren acreditados los siguientes requisitos: i) que la falta de reconocimiento del derecho devenga en una afectaci\u00f3n clara de derechos fundamentales especialmente del m\u00ednimo vital, debido a que la prestaci\u00f3n que se reclama constituye ...<br \/><div class=\"pt-cv-rmwrap\"><a href=\"https:\/\/www.dmsjuridica.com\/buscador_20179478954\/corteconstitucionalcronologico202454587\/t-855-12\/\" class=\"_self pt-cv-readmore btn btn-success\" target=\"_self\">Ver Sentencia Completa...<\/a><\/div><\/div><\/div><\/div>\n<div class=\"col-md-12 col-sm-12 col-xs-12 pt-cv-content-item pt-cv-1-col\" ><div class='pt-cv-ifield'><a href=\"https:\/\/www.dmsjuridica.com\/buscador_20179478954\/corteconstitucionalcronologico202454587\/t-854-12\/\" class=\"_self pt-cv-href-thumbnail pt-cv-thumb-default\" target=\"_self\" ><\/a>\n<div class=\"pt-cv-taxoterm above_title\"><a href='https:\/\/www.dmsjuridica.com\/buscador_20179478954\/corteconstitucionalcronologico202454587\/category\/buscar-en-toda-la-corte\/2012\/tutelas-2012\/' title='Tutelas 2012' class='pt-cv-tax-tutelas-2012'>Tutelas 2012<\/a><\/div>\n<h4 class=\"pt-cv-title\"><a href=\"https:\/\/www.dmsjuridica.com\/buscador_20179478954\/corteconstitucionalcronologico202454587\/t-854-12\/\" class=\"_self\" target=\"_self\" >T-854-12<\/a><\/h4>\n<div class=\"pt-cv-content\">\u00a0 \u00a0 Sentencia T-854\/12 \u00a0 ACCION DE TUTELA CONTRA PROVIDENCIAS JUDICIALES-Procedencia \u00a0 La Corte ha establecido de manera extraordinaria la procedencia de la acci\u00f3n de tutela como medio para cuestionar decisiones judiciales que violan garant\u00edas constitucionales, en especial, los derechos al debido proceso, acceso a la administraci\u00f3n de justicia y la prevalencia del derecho sustancial. Esta Corporaci\u00f3n ha se\u00f1alado como criterios de procedibilidad, unos de car\u00e1cter general, es decir, los que se requieren para habilitar la presentaci\u00f3n del amparo; y otros de car\u00e1cter espec\u00edfico que versan sobre la procedencia de la tutela una vez incoada. \u00a0 ACCION DE TUTELA CONTRA ...<br \/><div class=\"pt-cv-rmwrap\"><a href=\"https:\/\/www.dmsjuridica.com\/buscador_20179478954\/corteconstitucionalcronologico202454587\/t-854-12\/\" class=\"_self pt-cv-readmore btn btn-success\" target=\"_self\">Ver Sentencia Completa...<\/a><\/div><\/div><\/div><\/div>\n<div class=\"col-md-12 col-sm-12 col-xs-12 pt-cv-content-item pt-cv-1-col\" ><div class='pt-cv-ifield'><a href=\"https:\/\/www.dmsjuridica.com\/buscador_20179478954\/corteconstitucionalcronologico202454587\/t-853-12\/\" class=\"_self pt-cv-href-thumbnail pt-cv-thumb-default\" target=\"_self\" ><\/a>\n<div class=\"pt-cv-taxoterm above_title\"><a href='https:\/\/www.dmsjuridica.com\/buscador_20179478954\/corteconstitucionalcronologico202454587\/category\/buscar-en-toda-la-corte\/2012\/tutelas-2012\/' title='Tutelas 2012' class='pt-cv-tax-tutelas-2012'>Tutelas 2012<\/a><\/div>\n<h4 class=\"pt-cv-title\"><a href=\"https:\/\/www.dmsjuridica.com\/buscador_20179478954\/corteconstitucionalcronologico202454587\/t-853-12\/\" class=\"_self\" target=\"_self\" >T-853-12<\/a><\/h4>\n<div class=\"pt-cv-content\">\u00a0 \u00a0 Sentencia T-853\/12 \u00a0 PRINCIPIO DE SUBSIDIARIEDAD-Procedencia de la acci\u00f3n de tutela para evitar un perjuicio irremediable pese a existir otro medio de defensa judicial \u00a0 De acuerdo con el principio de subsidiariedad de la acci\u00f3n de tutela, \u00e9sta resulta improcedente cuando es utilizada como mecanismo supletorio o alternativo de los medios judiciales ordinarios o extraordinarios de defensa judicial previstos por la ley, a menos que en el caso concreto se acrediten los requisitos para la procedencia excepcional se\u00f1alados previamente. \u00a0 ACCION DE TUTELA CONTRA LA ALCALDIA DISTRITAL, LA TESORERIA DISTRITAL Y LA SECRETARIA DE HACIENDA DE BUENAVENTURA-Improcedencia para ...<br \/><div class=\"pt-cv-rmwrap\"><a href=\"https:\/\/www.dmsjuridica.com\/buscador_20179478954\/corteconstitucionalcronologico202454587\/t-853-12\/\" class=\"_self pt-cv-readmore btn btn-success\" target=\"_self\">Ver Sentencia Completa...<\/a><\/div><\/div><\/div><\/div>\n<div class=\"col-md-12 col-sm-12 col-xs-12 pt-cv-content-item pt-cv-1-col\" ><div class='pt-cv-ifield'><a href=\"https:\/\/www.dmsjuridica.com\/buscador_20179478954\/corteconstitucionalcronologico202454587\/t-852-12\/\" class=\"_self pt-cv-href-thumbnail pt-cv-thumb-default\" target=\"_self\" ><\/a>\n<div class=\"pt-cv-taxoterm above_title\"><a href='https:\/\/www.dmsjuridica.com\/buscador_20179478954\/corteconstitucionalcronologico202454587\/category\/buscar-en-toda-la-corte\/2012\/tutelas-2012\/' title='Tutelas 2012' class='pt-cv-tax-tutelas-2012'>Tutelas 2012<\/a><\/div>\n<h4 class=\"pt-cv-title\"><a href=\"https:\/\/www.dmsjuridica.com\/buscador_20179478954\/corteconstitucionalcronologico202454587\/t-852-12\/\" class=\"_self\" target=\"_self\" >T-852-12<\/a><\/h4>\n<div class=\"pt-cv-content\">\u00a0 \u00a0 Sentencia T-852\/12 \u00a0 DERECHO FUNDAMENTAL A LA SEGURIDAD SOCIAL Y PROTECCION POR MEDIO DE ACCION DE TUTELA-Reiteraci\u00f3n de jurisprudencia \u00a0 El derecho a la seguridad social es un derecho fundamental irrenunciable, \u00a0que se hace efectivo por medio un conjunto de instituciones, normas y procedimientos, que est\u00e1n bajo la direcci\u00f3n, coordinaci\u00f3n y control del Estado, y que tienen el prop\u00f3sito de mitigar las consecuencias propias de la desocupaci\u00f3n, la vejez y la incapacidad de las personas, garantizando consigo mismo el ejercicio \u00a0de otros derechos fundamentales, tales como el derecho a la vida, la dignidad humana y el m\u00ednimo vital.\u00a0Ahora ...<br \/><div class=\"pt-cv-rmwrap\"><a href=\"https:\/\/www.dmsjuridica.com\/buscador_20179478954\/corteconstitucionalcronologico202454587\/t-852-12\/\" class=\"_self pt-cv-readmore btn btn-success\" target=\"_self\">Ver Sentencia Completa...<\/a><\/div><\/div><\/div><\/div>\n<div class=\"col-md-12 col-sm-12 col-xs-12 pt-cv-content-item pt-cv-1-col\" ><div class='pt-cv-ifield'><a href=\"https:\/\/www.dmsjuridica.com\/buscador_20179478954\/corteconstitucionalcronologico202454587\/t-851-12\/\" class=\"_self pt-cv-href-thumbnail pt-cv-thumb-default\" target=\"_self\" ><\/a>\n<div class=\"pt-cv-taxoterm above_title\"><a href='https:\/\/www.dmsjuridica.com\/buscador_20179478954\/corteconstitucionalcronologico202454587\/category\/buscar-en-toda-la-corte\/2012\/tutelas-2012\/' title='Tutelas 2012' class='pt-cv-tax-tutelas-2012'>Tutelas 2012<\/a><\/div>\n<h4 class=\"pt-cv-title\"><a href=\"https:\/\/www.dmsjuridica.com\/buscador_20179478954\/corteconstitucionalcronologico202454587\/t-851-12\/\" class=\"_self\" target=\"_self\" >T-851-12<\/a><\/h4>\n<div class=\"pt-cv-content\">\u00a0 \u00a0 Sentencia T-851\/12 \u00a0 ACCION DE TUTELA COMO MECANISMO DE PROTECCION DEL DERECHO A LA VIVIENDA-Caso en el que la Secretar\u00eda de Vivienda Social de Cali se niega a reparar las fallas de la vivienda de la actora\u00a0 \u00a0 ACCION DE TUTELA COMO MECANISMO DE PROTECCION DEL DERECHO A LA VIVIENDA-Procedencia \u00a0 La tutela del derecho fundamental a la vivienda digna procede de manera directa, sin necesidad de acudir a la conexidad, sino admitiendo la acci\u00f3n constitucional, a partir del cumplimiento de los requisitos generales que se predican de cualquier otro derecho fundamental, seg\u00fan el art\u00edculo 86 de la ...<br \/><div class=\"pt-cv-rmwrap\"><a href=\"https:\/\/www.dmsjuridica.com\/buscador_20179478954\/corteconstitucionalcronologico202454587\/t-851-12\/\" class=\"_self pt-cv-readmore btn btn-success\" target=\"_self\">Ver Sentencia Completa...<\/a><\/div><\/div><\/div><\/div>\n<div class=\"col-md-12 col-sm-12 col-xs-12 pt-cv-content-item pt-cv-1-col\" ><div class='pt-cv-ifield'><a href=\"https:\/\/www.dmsjuridica.com\/buscador_20179478954\/corteconstitucionalcronologico202454587\/t-850-12\/\" class=\"_self pt-cv-href-thumbnail pt-cv-thumb-default\" target=\"_self\" ><\/a>\n<div class=\"pt-cv-taxoterm above_title\"><a href='https:\/\/www.dmsjuridica.com\/buscador_20179478954\/corteconstitucionalcronologico202454587\/category\/buscar-en-toda-la-corte\/2012\/tutelas-2012\/' title='Tutelas 2012' class='pt-cv-tax-tutelas-2012'>Tutelas 2012<\/a><\/div>\n<h4 class=\"pt-cv-title\"><a href=\"https:\/\/www.dmsjuridica.com\/buscador_20179478954\/corteconstitucionalcronologico202454587\/t-850-12\/\" class=\"_self\" target=\"_self\" >T-850-12<\/a><\/h4>\n<div class=\"pt-cv-content\">ACCION DE TUTELA CONTRA PARTICULARES-Procedencia \u00a0 Por regla general, el ordenamiento constitucional orienta la procedencia de la acci\u00f3n de tutela contra cualquier actuaci\u00f3n de las autoridades p\u00fablicas y s\u00f3lo de manera excepcional frente a particulares. \u00a0 PROCESO POLICIVO-Procedencia de tutela contra actos jurisdiccionales \u00a0 Esta Corporaci\u00f3n ha reconocido de manera reiterada, que la acci\u00f3n de tutela es el \u00fanico medio de defensa judicial id\u00f3neo y eficaz para lograr la protecci\u00f3n de los derechos fundamentales que se estimen vulnerados en un proceso policivo, como lo es el referente al tr\u00e1mite de lanzamiento por ocupaci\u00f3n de hecho. De ah\u00ed que, por tratarse ...<br \/><div class=\"pt-cv-rmwrap\"><a href=\"https:\/\/www.dmsjuridica.com\/buscador_20179478954\/corteconstitucionalcronologico202454587\/t-850-12\/\" class=\"_self pt-cv-readmore btn btn-success\" target=\"_self\">Ver Sentencia Completa...<\/a><\/div><\/div><\/div><\/div>\n<div class=\"col-md-12 col-sm-12 col-xs-12 pt-cv-content-item pt-cv-1-col\" ><div class='pt-cv-ifield'><a href=\"https:\/\/www.dmsjuridica.com\/buscador_20179478954\/corteconstitucionalcronologico202454587\/t-845-12\/\" class=\"_self pt-cv-href-thumbnail pt-cv-thumb-default\" target=\"_self\" ><\/a>\n<div class=\"pt-cv-taxoterm above_title\"><a href='https:\/\/www.dmsjuridica.com\/buscador_20179478954\/corteconstitucionalcronologico202454587\/category\/buscar-en-toda-la-corte\/2012\/tutelas-2012\/' title='Tutelas 2012' class='pt-cv-tax-tutelas-2012'>Tutelas 2012<\/a><\/div>\n<h4 class=\"pt-cv-title\"><a href=\"https:\/\/www.dmsjuridica.com\/buscador_20179478954\/corteconstitucionalcronologico202454587\/t-845-12\/\" class=\"_self\" target=\"_self\" >T-845-12<\/a><\/h4>\n<div class=\"pt-cv-content\">\u00a0 \u00a0 Sentencia T-845\/12 \u00a0 DERECHO FUNDAMENTAL A LA VIVIENDA DIGNA-Caso en que Alcald\u00eda Municipal dicta orden de desalojo a familias que se encontraban ubicadas en un predio con categor\u00eda de p\u00fablico\u00a0 \u00a0 DERECHO FUNDAMENTAL A LA VIVIENDA DIGNA-Protecci\u00f3n en el \u00e1mbito interno e internacional\/DERECHO A LA VIVIENDA DIGNA-Alcance y contenido \u00a0 VIVIENDA DIGNA-Requisitos b\u00e1sicos de una vivienda adecuada\u00a0 \u00a0 Con relaci\u00f3n a la\u00a0\u201cvivienda adecuada\u201d, se ha se\u00f1alado por esta Corte, que si bien \u00e9sta se encuentra condicionada por diversos factores, dentro de los que se destacan, entre otros aspectos, los sociales, econ\u00f3micos, culturales, clim\u00e1ticos o ecol\u00f3gicos, ello no es ...<br \/><div class=\"pt-cv-rmwrap\"><a href=\"https:\/\/www.dmsjuridica.com\/buscador_20179478954\/corteconstitucionalcronologico202454587\/t-845-12\/\" class=\"_self pt-cv-readmore btn btn-success\" target=\"_self\">Ver Sentencia Completa...<\/a><\/div><\/div><\/div><\/div>\n<div class=\"col-md-12 col-sm-12 col-xs-12 pt-cv-content-item pt-cv-1-col\" ><div class='pt-cv-ifield'><a href=\"https:\/\/www.dmsjuridica.com\/buscador_20179478954\/corteconstitucionalcronologico202454587\/t-844-12\/\" class=\"_self pt-cv-href-thumbnail pt-cv-thumb-default\" target=\"_self\" ><\/a>\n<div class=\"pt-cv-taxoterm above_title\"><a href='https:\/\/www.dmsjuridica.com\/buscador_20179478954\/corteconstitucionalcronologico202454587\/category\/buscar-en-toda-la-corte\/2012\/tutelas-2012\/' title='Tutelas 2012' class='pt-cv-tax-tutelas-2012'>Tutelas 2012<\/a><\/div>\n<h4 class=\"pt-cv-title\"><a href=\"https:\/\/www.dmsjuridica.com\/buscador_20179478954\/corteconstitucionalcronologico202454587\/t-844-12\/\" class=\"_self\" target=\"_self\" >T-844-12<\/a><\/h4>\n<div class=\"pt-cv-content\">\u00a0 \u00a0 Sentencia T-844\/12 \u00a0 ACCION DE TUTELA PARA EL RECONOCIMIENTO Y PAGO DE PRESTACIONES SOCIALES-Procedencia excepcional \u00a0 El ordenamiento jur\u00eddico colombiano ha establecido determinados mecanismos judiciales para resolver aquellas controversias que tengan como objetivo obtener el reconocimiento de prestaciones sociales y de los derechos pensionales. Por tal raz\u00f3n, la Corte Constitucional, en reiteradas oportunidades, ha manifestado que, en principio, la acci\u00f3n de tutela no es la v\u00eda adecuada para resolver este tipo de asuntos, en raz\u00f3n a su car\u00e1cter subsidiario. Sin embargo, cuando los medios ordinarios establecidos para la soluci\u00f3n de esta clase de solicitudes no resulten eficaces o ...<br \/><div class=\"pt-cv-rmwrap\"><a href=\"https:\/\/www.dmsjuridica.com\/buscador_20179478954\/corteconstitucionalcronologico202454587\/t-844-12\/\" class=\"_self pt-cv-readmore btn btn-success\" target=\"_self\">Ver Sentencia Completa...<\/a><\/div><\/div><\/div><\/div>\n<div class=\"col-md-12 col-sm-12 col-xs-12 pt-cv-content-item pt-cv-1-col\" ><div class='pt-cv-ifield'><a href=\"https:\/\/www.dmsjuridica.com\/buscador_20179478954\/corteconstitucionalcronologico202454587\/t-843-12\/\" class=\"_self pt-cv-href-thumbnail pt-cv-thumb-default\" target=\"_self\" ><\/a>\n<div class=\"pt-cv-taxoterm above_title\"><a href='https:\/\/www.dmsjuridica.com\/buscador_20179478954\/corteconstitucionalcronologico202454587\/category\/buscar-en-toda-la-corte\/2012\/tutelas-2012\/' title='Tutelas 2012' class='pt-cv-tax-tutelas-2012'>Tutelas 2012<\/a><\/div>\n<h4 class=\"pt-cv-title\"><a href=\"https:\/\/www.dmsjuridica.com\/buscador_20179478954\/corteconstitucionalcronologico202454587\/t-843-12\/\" class=\"_self\" target=\"_self\" >T-843-12<\/a><\/h4>\n<div class=\"pt-cv-content\">\u00a0 \u00a0 Sentencia T-843\/12 \u00a0 AGENCIA OFICIOSA EN TUTELA \u00a0 CARENCIA ACTUAL DE OBJETO POR DA\u00d1O CONSUMADO-Fallecimiento de la persona en nombre de quien se interpuso la tutela\u00a0 \u00a0 CARENCIA ACTUAL DE OBJETO POR DA\u00d1O CONSUMADO-No impide a la Corte Constitucional pronunciamiento de fondo sobre la existencia de una violaci\u00f3n de derechos fundamentales \u00a0 En trat\u00e1ndose particularmente de la actuaci\u00f3n del juez constitucional cuando ocurre la muerte del demandante en sede de Revisi\u00f3n, se ha establecido que el juez conserva la competencia para emitir un pronunciamiento sobre la cuesti\u00f3n, pues, aunque no hace falta impartir alguna orden a la parte ...<br \/><div class=\"pt-cv-rmwrap\"><a href=\"https:\/\/www.dmsjuridica.com\/buscador_20179478954\/corteconstitucionalcronologico202454587\/t-843-12\/\" class=\"_self pt-cv-readmore btn btn-success\" target=\"_self\">Ver Sentencia Completa...<\/a><\/div><\/div><\/div><\/div>\n<div class=\"col-md-12 col-sm-12 col-xs-12 pt-cv-content-item pt-cv-1-col\" ><div class='pt-cv-ifield'><a href=\"https:\/\/www.dmsjuridica.com\/buscador_20179478954\/corteconstitucionalcronologico202454587\/t-842-12\/\" class=\"_self pt-cv-href-thumbnail pt-cv-thumb-default\" target=\"_self\" ><\/a>\n<div class=\"pt-cv-taxoterm above_title\"><a href='https:\/\/www.dmsjuridica.com\/buscador_20179478954\/corteconstitucionalcronologico202454587\/category\/buscar-en-toda-la-corte\/2012\/tutelas-2012\/' title='Tutelas 2012' class='pt-cv-tax-tutelas-2012'>Tutelas 2012<\/a><\/div>\n<h4 class=\"pt-cv-title\"><a href=\"https:\/\/www.dmsjuridica.com\/buscador_20179478954\/corteconstitucionalcronologico202454587\/t-842-12\/\" class=\"_self\" target=\"_self\" >T-842-12<\/a><\/h4>\n<div class=\"pt-cv-content\">\u00a0 \u00a0 Sentencia T-842\/12 \u00a0 EDAD DE RETIRO FORZOSO COMO CAUSAL DE DESVINCULACION DEL SERVICIO-Caso en que conductor de Alcald\u00eda Municipal fue retirado del cargo por haber cumplido la edad de retiro forzoso\u00a0 \u00a0 EDAD DE RETIRO FORZOSO-Causal de desvinculaci\u00f3n de servidores civiles del Estado \u00a0 Puede concluirse que la causal de desvinculaci\u00f3n de un servidor p\u00fablico por haber cumplido la edad de retiro forzoso es constitucional, porque satisface la necesidad de renovaci\u00f3n en la administraci\u00f3n, masifica el acceso a cargos p\u00fablicos, y el retiro se compensa con otras prestaciones sociales dirigidas a cubrir sus necesidades. No obstante, al momento ...<br \/><div class=\"pt-cv-rmwrap\"><a href=\"https:\/\/www.dmsjuridica.com\/buscador_20179478954\/corteconstitucionalcronologico202454587\/t-842-12\/\" class=\"_self pt-cv-readmore btn btn-success\" target=\"_self\">Ver Sentencia Completa...<\/a><\/div><\/div><\/div><\/div>\n<div class=\"col-md-12 col-sm-12 col-xs-12 pt-cv-content-item pt-cv-1-col\" ><div class='pt-cv-ifield'><a href=\"https:\/\/www.dmsjuridica.com\/buscador_20179478954\/corteconstitucionalcronologico202454587\/t-841-12\/\" class=\"_self pt-cv-href-thumbnail pt-cv-thumb-default\" target=\"_self\" ><\/a>\n<div class=\"pt-cv-taxoterm above_title\"><a href='https:\/\/www.dmsjuridica.com\/buscador_20179478954\/corteconstitucionalcronologico202454587\/category\/buscar-en-toda-la-corte\/2012\/tutelas-2012\/' title='Tutelas 2012' class='pt-cv-tax-tutelas-2012'>Tutelas 2012<\/a><\/div>\n<h4 class=\"pt-cv-title\"><a href=\"https:\/\/www.dmsjuridica.com\/buscador_20179478954\/corteconstitucionalcronologico202454587\/t-841-12\/\" class=\"_self\" target=\"_self\" >T-841-12<\/a><\/h4>\n<div class=\"pt-cv-content\">\u00a0 \u00a0 Sentencia T-841\/12 \u00a0 DERECHO A LA SALUD Y A LA VIDA DIGNA DE PERSONA DE LA TERCERA EDAD-Caso en que la EPS niega la autorizaci\u00f3n y el suministro de una silla de ruedas argumentando que no es su deber prestarlo porque est\u00e1 excluido del POS\u00a0 \u00a0 ACCION DE TUTELA CONTRA ENTIDAD PROMOTORA DE SALUD-Deber de suministrar silla de ruedas\u00a0 \u00a0 La Corte Constitucional advierte que el suministro de una silla de ruedas es un servicio expresamente excluido en el POS, de conformidad con el numeral 5 del art\u00edculo 49, Acuerdo 029 de 2011. Sin embargo, debe reiterar que ...<br \/><div class=\"pt-cv-rmwrap\"><a href=\"https:\/\/www.dmsjuridica.com\/buscador_20179478954\/corteconstitucionalcronologico202454587\/t-841-12\/\" class=\"_self pt-cv-readmore btn btn-success\" target=\"_self\">Ver Sentencia Completa...<\/a><\/div><\/div><\/div><\/div>\n<div class=\"col-md-12 col-sm-12 col-xs-12 pt-cv-content-item pt-cv-1-col\" ><div class='pt-cv-ifield'><a href=\"https:\/\/www.dmsjuridica.com\/buscador_20179478954\/corteconstitucionalcronologico202454587\/t-840-12\/\" class=\"_self pt-cv-href-thumbnail pt-cv-thumb-default\" target=\"_self\" ><\/a>\n<div class=\"pt-cv-taxoterm above_title\"><a href='https:\/\/www.dmsjuridica.com\/buscador_20179478954\/corteconstitucionalcronologico202454587\/category\/buscar-en-toda-la-corte\/2012\/tutelas-2012\/' title='Tutelas 2012' class='pt-cv-tax-tutelas-2012'>Tutelas 2012<\/a><\/div>\n<h4 class=\"pt-cv-title\"><a href=\"https:\/\/www.dmsjuridica.com\/buscador_20179478954\/corteconstitucionalcronologico202454587\/t-840-12\/\" class=\"_self\" target=\"_self\" >T-840-12<\/a><\/h4>\n<div class=\"pt-cv-content\">\u00a0 \u00a0 Sentencia T-840\/012 \u00a0 DERECHO A LA SALUD Y A LA VIDA DIGNA DE PERSONA DE LA TERCERA EDAD-Caso en que la EPS no autoriza un plan de atenci\u00f3n m\u00e9dica domiciliaria y suministro de silla de ruedas\u00a0 \u00a0 DERECHO A LA SALUD DE PERSONA DE LA TERCERA EDAD-EPS debe brindar servicio que no se encuentra previsto en POS-S \u00a0 La jurisprudencia constitucional ha sostenido que cuando se trata de servicios no incluidos en el POS, las EPS est\u00e1n obligadas a autorizar y a brindar el servicio si se dan las siguientes condiciones: Si la persona requiere el servicio m\u00e9dico ...<br \/><div class=\"pt-cv-rmwrap\"><a href=\"https:\/\/www.dmsjuridica.com\/buscador_20179478954\/corteconstitucionalcronologico202454587\/t-840-12\/\" class=\"_self pt-cv-readmore btn btn-success\" target=\"_self\">Ver Sentencia Completa...<\/a><\/div><\/div><\/div><\/div>\n<div class=\"col-md-12 col-sm-12 col-xs-12 pt-cv-content-item pt-cv-1-col\" ><div class='pt-cv-ifield'><a href=\"https:\/\/www.dmsjuridica.com\/buscador_20179478954\/corteconstitucionalcronologico202454587\/t-839-12\/\" class=\"_self pt-cv-href-thumbnail pt-cv-thumb-default\" target=\"_self\" ><\/a>\n<div class=\"pt-cv-taxoterm above_title\"><a href='https:\/\/www.dmsjuridica.com\/buscador_20179478954\/corteconstitucionalcronologico202454587\/category\/buscar-en-toda-la-corte\/2012\/tutelas-2012\/' title='Tutelas 2012' class='pt-cv-tax-tutelas-2012'>Tutelas 2012<\/a><\/div>\n<h4 class=\"pt-cv-title\"><a href=\"https:\/\/www.dmsjuridica.com\/buscador_20179478954\/corteconstitucionalcronologico202454587\/t-839-12\/\" class=\"_self\" target=\"_self\" >T-839-12<\/a><\/h4>\n<div class=\"pt-cv-content\">\u00a0 \u00a0 Sentencia T-839\/12 \u00a0 PREPENSIONADO-Concepto \u00a0 Tiene la condici\u00f3n de prepensionado, y por ende, sujeto de protecci\u00f3n a la estabilidad laboral reforzada, en el contexto de un programa de renovaci\u00f3n de la administraci\u00f3n p\u00fablica del orden nacional, el servidor p\u00fablico pr\u00f3ximo a pensionarse que al momento en que se dicten las normas que ordenen la supresi\u00f3n o disoluci\u00f3n de la entidad en la que labora, le falten tres (3) a\u00f1os o menos para cumplir los requisitos requeridos para que efectivamente se consolide su derecho pensional. Esta protecci\u00f3n se mantendr\u00e1 hasta cuando se reconozca la pensi\u00f3n de jubilaci\u00f3n o vejez, ...<br \/><div class=\"pt-cv-rmwrap\"><a href=\"https:\/\/www.dmsjuridica.com\/buscador_20179478954\/corteconstitucionalcronologico202454587\/t-839-12\/\" class=\"_self pt-cv-readmore btn btn-success\" target=\"_self\">Ver Sentencia Completa...<\/a><\/div><\/div><\/div><\/div>\n<div class=\"col-md-12 col-sm-12 col-xs-12 pt-cv-content-item pt-cv-1-col\" ><div class='pt-cv-ifield'><a href=\"https:\/\/www.dmsjuridica.com\/buscador_20179478954\/corteconstitucionalcronologico202454587\/t-838-12\/\" class=\"_self pt-cv-href-thumbnail pt-cv-thumb-default\" target=\"_self\" ><\/a>\n<div class=\"pt-cv-taxoterm above_title\"><a href='https:\/\/www.dmsjuridica.com\/buscador_20179478954\/corteconstitucionalcronologico202454587\/category\/buscar-en-toda-la-corte\/2012\/tutelas-2012\/' title='Tutelas 2012' class='pt-cv-tax-tutelas-2012'>Tutelas 2012<\/a><\/div>\n<h4 class=\"pt-cv-title\"><a href=\"https:\/\/www.dmsjuridica.com\/buscador_20179478954\/corteconstitucionalcronologico202454587\/t-838-12\/\" class=\"_self\" target=\"_self\" >T-838-12<\/a><\/h4>\n<div class=\"pt-cv-content\">\u00a0 \u00a0 Sentencia T-838\/12 \u00a0 ENTIDAD PROMOTORA DE SALUD-Condiciones para llevar a cabo el transporte de pacientes\/DERECHO A LA SALUD-El transporte y la estad\u00eda como medio para acceder a un servicio \u00a0 Esta Corporaci\u00f3n sostuvo que toda persona tiene derecho a acceder a los servicios de salud que requiera, lo cual implica \u2013seg\u00fan esta Corte- que tiene derecho tambi\u00e9n a los medios de transporte y gastos de estad\u00eda precisos para poder recibir la atenci\u00f3n requerida; con elaci\u00f3n con esto, la obligaci\u00f3n se\u00f1alada se traslada a las EPS, en los eventos concretos donde se acredite que (i) ni el paciente ni ...<br \/><div class=\"pt-cv-rmwrap\"><a href=\"https:\/\/www.dmsjuridica.com\/buscador_20179478954\/corteconstitucionalcronologico202454587\/t-838-12\/\" class=\"_self pt-cv-readmore btn btn-success\" target=\"_self\">Ver Sentencia Completa...<\/a><\/div><\/div><\/div><\/div>\n<div class=\"col-md-12 col-sm-12 col-xs-12 pt-cv-content-item pt-cv-1-col\" ><div class='pt-cv-ifield'><a href=\"https:\/\/www.dmsjuridica.com\/buscador_20179478954\/corteconstitucionalcronologico202454587\/t-837-12\/\" class=\"_self pt-cv-href-thumbnail pt-cv-thumb-default\" target=\"_self\" ><\/a>\n<div class=\"pt-cv-taxoterm above_title\"><a href='https:\/\/www.dmsjuridica.com\/buscador_20179478954\/corteconstitucionalcronologico202454587\/category\/buscar-en-toda-la-corte\/2012\/tutelas-2012\/' title='Tutelas 2012' class='pt-cv-tax-tutelas-2012'>Tutelas 2012<\/a><\/div>\n<h4 class=\"pt-cv-title\"><a href=\"https:\/\/www.dmsjuridica.com\/buscador_20179478954\/corteconstitucionalcronologico202454587\/t-837-12\/\" class=\"_self\" target=\"_self\" >T-837-12<\/a><\/h4>\n<div class=\"pt-cv-content\">\u00a0 \u00a0 NOTA DE RELATORIA: Mediante auto 234 de fecha 3 de junio de 2015, el cual se anexa en la parte final, \u00a0se declara parcialmente nula la presente providencia, \u00fanicamente en lo referente al expediente T-3469991 \u00a0 Sentencia T-837\/12 \u00a0 ACCION DE TUTELA TEMERARIA-Inexistencia por cuanto se presentan hechos nuevos \u00a0 La Corte ha considerado temerario el ejercicio de la acci\u00f3n de tutela cuando el peticionario acude m\u00e1s de una vez ante la rama judicial del Estado, con el fin de que sea estudiado un mismo caso, con iguales pretensiones y, adem\u00e1s si la tutela fue interpuesta sin un ...<br \/><div class=\"pt-cv-rmwrap\"><a href=\"https:\/\/www.dmsjuridica.com\/buscador_20179478954\/corteconstitucionalcronologico202454587\/t-837-12\/\" class=\"_self pt-cv-readmore btn btn-success\" target=\"_self\">Ver Sentencia Completa...<\/a><\/div><\/div><\/div><\/div>\n<div class=\"col-md-12 col-sm-12 col-xs-12 pt-cv-content-item pt-cv-1-col\" ><div class='pt-cv-ifield'><a href=\"https:\/\/www.dmsjuridica.com\/buscador_20179478954\/corteconstitucionalcronologico202454587\/t-836-12\/\" class=\"_self pt-cv-href-thumbnail pt-cv-thumb-default\" target=\"_self\" ><\/a>\n<div class=\"pt-cv-taxoterm above_title\"><a href='https:\/\/www.dmsjuridica.com\/buscador_20179478954\/corteconstitucionalcronologico202454587\/category\/buscar-en-toda-la-corte\/2012\/tutelas-2012\/' title='Tutelas 2012' class='pt-cv-tax-tutelas-2012'>Tutelas 2012<\/a><\/div>\n<h4 class=\"pt-cv-title\"><a href=\"https:\/\/www.dmsjuridica.com\/buscador_20179478954\/corteconstitucionalcronologico202454587\/t-836-12\/\" class=\"_self\" target=\"_self\" >T-836-12<\/a><\/h4>\n<div class=\"pt-cv-content\">\u00a0 \u00a0 Sentencia T-836\/12 \u00a0 PROCEDENCIA DE LA ACCION DE TUTELA ANTE LA EXISTENCIA DE OTRO MEDIO DE DEFENSA JUDICIAL-Situaciones excepcionales \u00a0 Ante la existencia de otro medio de defensa judicial, la acci\u00f3n de tutela es improcedente, salvo que se configure un perjuicio irremediable lo que la har\u00eda procedente como mecanismo transitorio\u00a0o que el otro medio de defensa judicial no resulte id\u00f3neo ni eficaz para la protecci\u00f3n de derechos fundamentales, evento en el cual la tutela proceder\u00eda como mecanismo principal. \u00a0 ACCION DE TUTELA CONTRA EL EJERCITO NACIONAL-Caso en que el accionante fue retirado del servicio activo del Ej\u00e9rcito Nacional ...<br \/><div class=\"pt-cv-rmwrap\"><a href=\"https:\/\/www.dmsjuridica.com\/buscador_20179478954\/corteconstitucionalcronologico202454587\/t-836-12\/\" class=\"_self pt-cv-readmore btn btn-success\" target=\"_self\">Ver Sentencia Completa...<\/a><\/div><\/div><\/div><\/div>\n<div class=\"col-md-12 col-sm-12 col-xs-12 pt-cv-content-item pt-cv-1-col\" ><div class='pt-cv-ifield'><a href=\"https:\/\/www.dmsjuridica.com\/buscador_20179478954\/corteconstitucionalcronologico202454587\/t-835-12\/\" class=\"_self pt-cv-href-thumbnail pt-cv-thumb-default\" target=\"_self\" ><\/a>\n<div class=\"pt-cv-taxoterm above_title\"><a href='https:\/\/www.dmsjuridica.com\/buscador_20179478954\/corteconstitucionalcronologico202454587\/category\/buscar-en-toda-la-corte\/2012\/tutelas-2012\/' title='Tutelas 2012' class='pt-cv-tax-tutelas-2012'>Tutelas 2012<\/a><\/div>\n<h4 class=\"pt-cv-title\"><a href=\"https:\/\/www.dmsjuridica.com\/buscador_20179478954\/corteconstitucionalcronologico202454587\/t-835-12\/\" class=\"_self\" target=\"_self\" >T-835-12<\/a><\/h4>\n<div class=\"pt-cv-content\">\u00a0 \u00a0 \u00a0 \u00a0 Sentencia T-835\/12 \u00a0 ACCION DE TUTELA PARA GARANTIZAR LA APLICACION DE LAS NORMAS DEL RETEN SOCIAL Y LA COMPATIBILIDAD CON EL PAGO PREVIO DE LA INDEMNIZACION POR DESPIDO \u00a0 Esta Corporaci\u00f3n ha se\u00f1alado de forma reiterada que la acci\u00f3n de tutela es procedente para garantizar la aplicaci\u00f3n de las normas del ret\u00e9n social, en raz\u00f3n de que los destinatarios de dicha acci\u00f3n afirmativa son sujetos de especial protecci\u00f3n constitucional, adem\u00e1s porque la instituci\u00f3n p\u00fablica puede no existir al momento de la expedici\u00f3n de la sentencia por parte de la jurisdicci\u00f3n ordinaria debido a la duraci\u00f3n limitada ...<br \/><div class=\"pt-cv-rmwrap\"><a href=\"https:\/\/www.dmsjuridica.com\/buscador_20179478954\/corteconstitucionalcronologico202454587\/t-835-12\/\" class=\"_self pt-cv-readmore btn btn-success\" target=\"_self\">Ver Sentencia Completa...<\/a><\/div><\/div><\/div><\/div>\n<div class=\"col-md-12 col-sm-12 col-xs-12 pt-cv-content-item pt-cv-1-col\" ><div class='pt-cv-ifield'><a href=\"https:\/\/www.dmsjuridica.com\/buscador_20179478954\/corteconstitucionalcronologico202454587\/t-834-12\/\" class=\"_self pt-cv-href-thumbnail pt-cv-thumb-default\" target=\"_self\" ><\/a>\n<div class=\"pt-cv-taxoterm above_title\"><a href='https:\/\/www.dmsjuridica.com\/buscador_20179478954\/corteconstitucionalcronologico202454587\/category\/buscar-en-toda-la-corte\/2012\/tutelas-2012\/' title='Tutelas 2012' class='pt-cv-tax-tutelas-2012'>Tutelas 2012<\/a><\/div>\n<h4 class=\"pt-cv-title\"><a href=\"https:\/\/www.dmsjuridica.com\/buscador_20179478954\/corteconstitucionalcronologico202454587\/t-834-12\/\" class=\"_self\" target=\"_self\" >T-834-12<\/a><\/h4>\n<div class=\"pt-cv-content\">\u00a0 \u00a0 Sentencia T-834\/12 \u00a0 ACCION DE TUTELA PARA RECLAMAR ESTABILIDAD LABORAL REFORZADA DERIVADA DE LA MATERNIDAD \u00a0 PROTECCION LABORAL DE LA MATERNIDAD FRENTE A CUALQUIER CLASE DE VINCULO CONTRACTUAL\/PRINCIPIO DE PRIMACIA DE LA REALIDAD EN LAS RELACIONES LABORALES \u00a0 NATURALEZA DEL CARGO DE PERSONERO MUNICIPAL-Libre elecci\u00f3n y periodo fijo \u00a0 GARANTIA DE LA ESTABILIDAD LABORAL REFORZADA NO SE APLICA A CARGOS PUBLICOS CON PERIODO FIJO INSTITUCIONAL \u00a0 DERECHO A LA ESTABILIDAD LABORAL REFORZADA DE MUJER EMBARAZADA-Caso en que Personera Municipal no pod\u00eda permanecer en su cargo mientras conclu\u00eda licencia de maternidad, por cuanto fue elegida para desempe\u00f1ar un cargo ...<br \/><div class=\"pt-cv-rmwrap\"><a href=\"https:\/\/www.dmsjuridica.com\/buscador_20179478954\/corteconstitucionalcronologico202454587\/t-834-12\/\" class=\"_self pt-cv-readmore btn btn-success\" target=\"_self\">Ver Sentencia Completa...<\/a><\/div><\/div><\/div><\/div>\n<div class=\"col-md-12 col-sm-12 col-xs-12 pt-cv-content-item pt-cv-1-col\" ><div class='pt-cv-ifield'><a href=\"https:\/\/www.dmsjuridica.com\/buscador_20179478954\/corteconstitucionalcronologico202454587\/t-833-12\/\" class=\"_self pt-cv-href-thumbnail pt-cv-thumb-default\" target=\"_self\" ><\/a>\n<div class=\"pt-cv-taxoterm above_title\"><a href='https:\/\/www.dmsjuridica.com\/buscador_20179478954\/corteconstitucionalcronologico202454587\/category\/buscar-en-toda-la-corte\/2012\/tutelas-2012\/' title='Tutelas 2012' class='pt-cv-tax-tutelas-2012'>Tutelas 2012<\/a><\/div>\n<h4 class=\"pt-cv-title\"><a href=\"https:\/\/www.dmsjuridica.com\/buscador_20179478954\/corteconstitucionalcronologico202454587\/t-833-12\/\" class=\"_self\" target=\"_self\" >T-833-12<\/a><\/h4>\n<div class=\"pt-cv-content\">\u00a0 \u00a0 Sentencia T-833\/12 \u00a0 ACCION DE TUTELA PARA RESOLVER ASUNTOS RELACIONADOS CON DISCRIMINACION SALARIAL-Evoluci\u00f3n jurisprudencial \u00a0 El tercer estadio de la jurisprudencia constitucional sobre la materia analizada, ha concluido que la acci\u00f3n de tutela es procedente para obtener la protecci\u00f3n del principio a trabajo igual, salario igual, siempre y cuando se cumplan en el caso concreto condiciones relativas a que (i) el asunto tenga relevancia constitucional, es decir, que se trate de la presunta afectaci\u00f3n de un derecho fundamental; (ii) que el problema constitucional objeto de an\u00e1lisis, que para el caso corresponde a la discriminaci\u00f3n laboral injustificada, est\u00e9 suficientemente ...<br \/><div class=\"pt-cv-rmwrap\"><a href=\"https:\/\/www.dmsjuridica.com\/buscador_20179478954\/corteconstitucionalcronologico202454587\/t-833-12\/\" class=\"_self pt-cv-readmore btn btn-success\" target=\"_self\">Ver Sentencia Completa...<\/a><\/div><\/div><\/div><\/div>\n<div class=\"col-md-12 col-sm-12 col-xs-12 pt-cv-content-item pt-cv-1-col\" ><div class='pt-cv-ifield'><a href=\"https:\/\/www.dmsjuridica.com\/buscador_20179478954\/corteconstitucionalcronologico202454587\/t-832-12\/\" class=\"_self pt-cv-href-thumbnail pt-cv-thumb-default\" target=\"_self\" ><\/a>\n<div class=\"pt-cv-taxoterm above_title\"><a href='https:\/\/www.dmsjuridica.com\/buscador_20179478954\/corteconstitucionalcronologico202454587\/category\/buscar-en-toda-la-corte\/2012\/tutelas-2012\/' title='Tutelas 2012' class='pt-cv-tax-tutelas-2012'>Tutelas 2012<\/a><\/div>\n<h4 class=\"pt-cv-title\"><a href=\"https:\/\/www.dmsjuridica.com\/buscador_20179478954\/corteconstitucionalcronologico202454587\/t-832-12\/\" class=\"_self\" target=\"_self\" >T-832-12<\/a><\/h4>\n<div class=\"pt-cv-content\">\u00a0 \u00a0 Sentencia T-832\/12 \u00a0 PRINCIPIO DE INMEDIATEZ COMO REQUISITO DE PROCEDIBILIDAD DE LA ACCION DE TUTELA \u00a0 La acci\u00f3n de tutela debe ser ejercida en un t\u00e9rmino razonable desde la configuraci\u00f3n de la acci\u00f3n u omisi\u00f3n que vulnera o amenaza el derecho fundamental, de lo contrario se desconocer\u00eda el principio de inmediatez, el cual est\u00e1 cimentado en la urgencia que reclama el amparo constitucional y en la salvaguarda del principio de seguridad jur\u00eddica \u00a0 JUEZ DE TUTELA FRENTE A OMISION DE RESPUESTA A UNA SOLICITUD PENSIONAL \u00a0 El papel del juez de tutela cuando advierte demora en la respuesta ...<br \/><div class=\"pt-cv-rmwrap\"><a href=\"https:\/\/www.dmsjuridica.com\/buscador_20179478954\/corteconstitucionalcronologico202454587\/t-832-12\/\" class=\"_self pt-cv-readmore btn btn-success\" target=\"_self\">Ver Sentencia Completa...<\/a><\/div><\/div><\/div><\/div>\n<div class=\"col-md-12 col-sm-12 col-xs-12 pt-cv-content-item pt-cv-1-col\" ><div class='pt-cv-ifield'><a href=\"https:\/\/www.dmsjuridica.com\/buscador_20179478954\/corteconstitucionalcronologico202454587\/t-831-12\/\" class=\"_self pt-cv-href-thumbnail pt-cv-thumb-default\" target=\"_self\" ><\/a>\n<div class=\"pt-cv-taxoterm above_title\"><a href='https:\/\/www.dmsjuridica.com\/buscador_20179478954\/corteconstitucionalcronologico202454587\/category\/buscar-en-toda-la-corte\/2012\/tutelas-2012\/' title='Tutelas 2012' class='pt-cv-tax-tutelas-2012'>Tutelas 2012<\/a><\/div>\n<h4 class=\"pt-cv-title\"><a href=\"https:\/\/www.dmsjuridica.com\/buscador_20179478954\/corteconstitucionalcronologico202454587\/t-831-12\/\" class=\"_self\" target=\"_self\" >T-831-12<\/a><\/h4>\n<div class=\"pt-cv-content\">\u00a0 \u00a0 Sentencia T-831\/12 \u00a0 ACCION DE TUTELA CONTRA PROVIDENCIAS JUDICIALES-Reiteraci\u00f3n de jurisprudencia sobre procedencia excepcional \u00a0 ACCION DE TUTELA CONTRA PROVIDENCIAS JUDICIALES-Requisitos generales de procedencia\/ACCION DE TUTELA CONTRA PROVIDENCIAS JUDICIALES-Causales especiales de procedibilidad \u00a0 CARACTERIZACION DEL DEFECTO FACTICO COMO CAUSAL ESPECIFICA DE PROCEDIBILIDAD DE LA ACCION DE TUTELA CONTRA PROVIDENCIAS JUDICIALES \u00a0 DEFECTO FACTICO-Dimensi\u00f3n negativa y positiva \u00a0 DEFECTO SUSTANTIVO COMO CAUSAL ESPECIFICA DE PROCEDIBILIDAD DE LA ACCION DE TUTELA CONTRA PROVIDENCIAS JUDICIALES-Reiteraci\u00f3n de jurisprudencia \u00a0 DEFECTO SUSTANTIVO POR DESCONOCIMIENTO DEL PRECEDENTE JUDICIAL\u00a0 \u00a0 PRECEDENTE HORIZONTAL Y VERTICAL-Diferencias \u00a0 Esta Corporaci\u00f3n ha diferenciado entre dos clases de precedentes, el ...<br \/><div class=\"pt-cv-rmwrap\"><a href=\"https:\/\/www.dmsjuridica.com\/buscador_20179478954\/corteconstitucionalcronologico202454587\/t-831-12\/\" class=\"_self pt-cv-readmore btn btn-success\" target=\"_self\">Ver Sentencia Completa...<\/a><\/div><\/div><\/div><\/div>\n<div class=\"col-md-12 col-sm-12 col-xs-12 pt-cv-content-item pt-cv-1-col\" ><div class='pt-cv-ifield'><a href=\"https:\/\/www.dmsjuridica.com\/buscador_20179478954\/corteconstitucionalcronologico202454587\/t-830-12\/\" class=\"_self pt-cv-href-thumbnail pt-cv-thumb-default\" target=\"_self\" ><\/a>\n<div class=\"pt-cv-taxoterm above_title\"><a href='https:\/\/www.dmsjuridica.com\/buscador_20179478954\/corteconstitucionalcronologico202454587\/category\/buscar-en-toda-la-corte\/2012\/tutelas-2012\/' title='Tutelas 2012' class='pt-cv-tax-tutelas-2012'>Tutelas 2012<\/a><\/div>\n<h4 class=\"pt-cv-title\"><a href=\"https:\/\/www.dmsjuridica.com\/buscador_20179478954\/corteconstitucionalcronologico202454587\/t-830-12\/\" class=\"_self\" target=\"_self\" >T-830-12<\/a><\/h4>\n<div class=\"pt-cv-content\">\u00a0 \u00a0 Sentencia T-830\/12 \u00a0 ACCION DE TUTELA CONTRA PROVIDENCIAS JUDICIALES-Procedencia excepcional\u00a0 \u00a0 La tutela contra decisiones judiciales es de alcance excepcional y restringido\u00a0y se predica s\u00f3lo de aquellos eventos en los que pueda considerarse que una actuaci\u00f3n del juzgador es manifiestamente contraria al orden jur\u00eddico o al precedente judicial aplicable, y violatoria de derechos fundamentales como los derechos al debido proceso y al acceso a la administraci\u00f3n de justicia. La Sala Plena de la Corte en la sentencia\u00a0C-590 de 2005\u00a0expuso el precedente vigente sobre la materia; en ella se distingue entre requisitos generales y espec\u00edficos de procedencia de la ...<br \/><div class=\"pt-cv-rmwrap\"><a href=\"https:\/\/www.dmsjuridica.com\/buscador_20179478954\/corteconstitucionalcronologico202454587\/t-830-12\/\" class=\"_self pt-cv-readmore btn btn-success\" target=\"_self\">Ver Sentencia Completa...<\/a><\/div><\/div><\/div><\/div>\n<div class=\"col-md-12 col-sm-12 col-xs-12 pt-cv-content-item pt-cv-1-col\" ><div class='pt-cv-ifield'><a href=\"https:\/\/www.dmsjuridica.com\/buscador_20179478954\/corteconstitucionalcronologico202454587\/t-829-12\/\" class=\"_self pt-cv-href-thumbnail pt-cv-thumb-default\" target=\"_self\" ><\/a>\n<div class=\"pt-cv-taxoterm above_title\"><a href='https:\/\/www.dmsjuridica.com\/buscador_20179478954\/corteconstitucionalcronologico202454587\/category\/buscar-en-toda-la-corte\/2012\/tutelas-2012\/' title='Tutelas 2012' class='pt-cv-tax-tutelas-2012'>Tutelas 2012<\/a><\/div>\n<h4 class=\"pt-cv-title\"><a href=\"https:\/\/www.dmsjuridica.com\/buscador_20179478954\/corteconstitucionalcronologico202454587\/t-829-12\/\" class=\"_self\" target=\"_self\" >T-829-12<\/a><\/h4>\n<div class=\"pt-cv-content\">\u00a0 \u00a0 NOTA DE RELATORIA: Mediante auto 029 de 2013 se corrigi\u00f3 el numeral segundo de la parte resolutiva de la sentencia T-829\/12. \u00a0La referida decisi\u00f3n se anexa al final del fallo. \u00a0 Sentencia T-829\/12 \u00a0 ACCION DE TUTELA FRENTE A ACTOS ADMINISTRATIVOS EN MATERIA DE CONCURSO DE MERITOS-Procedencia excepcional \u00a0 REGIMEN DE CARRERA PARA PROVISION DE CARGOS DE CARRERA ADMINISTRATIVA-Objetivos b\u00e1sicos \u00a0 LISTA DE ELEGIBLES-Imposibilidad de hacer uso de \u00e9stas para la provisi\u00f3n de cargos que no fueron ofertados en la respectiva convocatoria \u00a0 Con fundamento en el principio seg\u00fan el cual las pautas del concurso son inmodificables, la ...<br \/><div class=\"pt-cv-rmwrap\"><a href=\"https:\/\/www.dmsjuridica.com\/buscador_20179478954\/corteconstitucionalcronologico202454587\/t-829-12\/\" class=\"_self pt-cv-readmore btn btn-success\" target=\"_self\">Ver Sentencia Completa...<\/a><\/div><\/div><\/div><\/div>\n<div class=\"col-md-12 col-sm-12 col-xs-12 pt-cv-content-item pt-cv-1-col\" ><div class='pt-cv-ifield'><a href=\"https:\/\/www.dmsjuridica.com\/buscador_20179478954\/corteconstitucionalcronologico202454587\/t-828-12\/\" class=\"_self pt-cv-href-thumbnail pt-cv-thumb-default\" target=\"_self\" ><\/a>\n<div class=\"pt-cv-taxoterm above_title\"><a href='https:\/\/www.dmsjuridica.com\/buscador_20179478954\/corteconstitucionalcronologico202454587\/category\/buscar-en-toda-la-corte\/2012\/tutelas-2012\/' title='Tutelas 2012' class='pt-cv-tax-tutelas-2012'>Tutelas 2012<\/a><\/div>\n<h4 class=\"pt-cv-title\"><a href=\"https:\/\/www.dmsjuridica.com\/buscador_20179478954\/corteconstitucionalcronologico202454587\/t-828-12\/\" class=\"_self\" target=\"_self\" >T-828-12<\/a><\/h4>\n<div class=\"pt-cv-content\">\u00a0 \u00a0 \u00a0\u00a0 Sentencia T-828\/12\u00a0 \u00a0 Bogot\u00e1 D.C. 19 de octubre \u00a0 ACCION DE TUTELA CONTRA PROVIDENCIAS JUDICIALES-Caso en que Tribunal revoca fallo que reconoc\u00eda pensi\u00f3n de sobrevivientes, con base en dos errores f\u00e1cticos\u00a0 \u00a0 ACCION DE TUTELA CONTRA PROVIDENCIAS JUDICIALES-Procedencia excepcional\u00a0 \u00a0 La acci\u00f3n de tutela contra providencias judiciales de acuerdo con la s\u00f3lida l\u00ednea jurisprudencial establecida por la Corte Constitucional, es una figura primordialmente subsidiaria y excepcional. Procedente s\u00f3lo cuando: (i) no existe otro mecanismo judicial id\u00f3neo para salvaguardar el derecho fundamental vulnerado o amenazado, (ii) o cuando existiendo otro medio de defensa judicial,\u00a0 \u00e9ste no sea eficaz ...<br \/><div class=\"pt-cv-rmwrap\"><a href=\"https:\/\/www.dmsjuridica.com\/buscador_20179478954\/corteconstitucionalcronologico202454587\/t-828-12\/\" class=\"_self pt-cv-readmore btn btn-success\" target=\"_self\">Ver Sentencia Completa...<\/a><\/div><\/div><\/div><\/div>\n<div class=\"col-md-12 col-sm-12 col-xs-12 pt-cv-content-item pt-cv-1-col\" ><div class='pt-cv-ifield'><a href=\"https:\/\/www.dmsjuridica.com\/buscador_20179478954\/corteconstitucionalcronologico202454587\/t-827-12\/\" class=\"_self pt-cv-href-thumbnail pt-cv-thumb-default\" target=\"_self\" ><\/a>\n<div class=\"pt-cv-taxoterm above_title\"><a href='https:\/\/www.dmsjuridica.com\/buscador_20179478954\/corteconstitucionalcronologico202454587\/category\/buscar-en-toda-la-corte\/2012\/tutelas-2012\/' title='Tutelas 2012' class='pt-cv-tax-tutelas-2012'>Tutelas 2012<\/a><\/div>\n<h4 class=\"pt-cv-title\"><a href=\"https:\/\/www.dmsjuridica.com\/buscador_20179478954\/corteconstitucionalcronologico202454587\/t-827-12\/\" class=\"_self\" target=\"_self\" >T-827-12<\/a><\/h4>\n<div class=\"pt-cv-content\">\u00a0 \u00a0 Sentencia T-827\/12 \u00a0 (Bogot\u00e1, DC, octubre 19) \u00a0 ACCION DE TUTELA CONTRA EMPRESA DE ACUEDUCTO-Caso de adultos mayores que aducen no contar con el servicio de agua potable en su lugar de residencia\u00a0 \u00a0 DERECHO A LA VIDA DIGNA Y DERECHO AL AGUA-Alcance \u00a0 El Estado est\u00e1 obligado, de acuerdo con este subnivel obligacional, entre otras cosas, a (i) abstenerse de privar a una persona del m\u00ednimo indispensable de agua; (ii) facilitar agua y garantizar el suministro necesario de agua a quienes no disponen de medios suficientes; y (iii) garantizar que todos los beneficiarios del derecho a una ...<br \/><div class=\"pt-cv-rmwrap\"><a href=\"https:\/\/www.dmsjuridica.com\/buscador_20179478954\/corteconstitucionalcronologico202454587\/t-827-12\/\" class=\"_self pt-cv-readmore btn btn-success\" target=\"_self\">Ver Sentencia Completa...<\/a><\/div><\/div><\/div><\/div>\n<div class=\"col-md-12 col-sm-12 col-xs-12 pt-cv-content-item pt-cv-1-col\" ><div class='pt-cv-ifield'><a href=\"https:\/\/www.dmsjuridica.com\/buscador_20179478954\/corteconstitucionalcronologico202454587\/t-826-12\/\" class=\"_self pt-cv-href-thumbnail pt-cv-thumb-default\" target=\"_self\" ><\/a>\n<div class=\"pt-cv-taxoterm above_title\"><a href='https:\/\/www.dmsjuridica.com\/buscador_20179478954\/corteconstitucionalcronologico202454587\/category\/buscar-en-toda-la-corte\/2012\/tutelas-2012\/' title='Tutelas 2012' class='pt-cv-tax-tutelas-2012'>Tutelas 2012<\/a><\/div>\n<h4 class=\"pt-cv-title\"><a href=\"https:\/\/www.dmsjuridica.com\/buscador_20179478954\/corteconstitucionalcronologico202454587\/t-826-12\/\" class=\"_self\" target=\"_self\" >T-826-12<\/a><\/h4>\n<div class=\"pt-cv-content\">\u00a0 \u00a0 Sentencia T-826\/12 \u00a0 \u00a0Bogot\u00e1, DC, octubre 19 \u00a0 PRINCIPIO DE SUBSIDIARIEDAD DE LA ACCION DE TUTELA-Caso en que la parte demandante incurri\u00f3 en un yerro procesal al demandar a la entidad equivocada, dentro de un proceso ordinario para obtener el pago de p\u00f3lizas\u00a0 \u00a0 PRINCIPIO DE SUBSIDIARIEDAD E INMEDIATEZ EN LA ACCION DE TUTELA-Requisitos de procedibilidad \u00a0 El requisito de inmediatez apunta al tiempo dentro del cual es racional ejercer la acci\u00f3n de tutela, para abordar oportunamente la eventual concesi\u00f3n del amparo. La tutela deviene improcedente cuando la demanda se interpone despu\u00e9s de transcurrido un lapso irrazonablemente extenso, ...<br \/><div class=\"pt-cv-rmwrap\"><a href=\"https:\/\/www.dmsjuridica.com\/buscador_20179478954\/corteconstitucionalcronologico202454587\/t-826-12\/\" class=\"_self pt-cv-readmore btn btn-success\" target=\"_self\">Ver Sentencia Completa...<\/a><\/div><\/div><\/div><\/div>\n<div class=\"col-md-12 col-sm-12 col-xs-12 pt-cv-content-item pt-cv-1-col\" ><div class='pt-cv-ifield'><a href=\"https:\/\/www.dmsjuridica.com\/buscador_20179478954\/corteconstitucionalcronologico202454587\/t-825-12\/\" class=\"_self pt-cv-href-thumbnail pt-cv-thumb-default\" target=\"_self\" ><\/a>\n<div class=\"pt-cv-taxoterm above_title\"><a href='https:\/\/www.dmsjuridica.com\/buscador_20179478954\/corteconstitucionalcronologico202454587\/category\/buscar-en-toda-la-corte\/2012\/tutelas-2012\/' title='Tutelas 2012' class='pt-cv-tax-tutelas-2012'>Tutelas 2012<\/a><\/div>\n<h4 class=\"pt-cv-title\"><a href=\"https:\/\/www.dmsjuridica.com\/buscador_20179478954\/corteconstitucionalcronologico202454587\/t-825-12\/\" class=\"_self\" target=\"_self\" >T-825-12<\/a><\/h4>\n<div class=\"pt-cv-content\">\u00a0 \u00a0 Sentencia T-825\/12 \u00a0 \u00a0(Bogot\u00e1 D.C., octubre 19) \u00a0 ACCION DE TUTELA-Subsidiariedad \u00a0 LEY 1122\/07-Confiri\u00f3 a Superintendencia Nacional de Salud facultades jurisdiccionales para adelantar procedimientos que resuelvan controversias entre entidades promotoras de salud y usuarios \u00a0 LEY 1438\/11-Reform\u00f3 el Sistema General de Seguridad Social en Salud, ampliando el \u00e1mbito de competencia de la Superintendencia Nacional de Salud, e instituy\u00f3 un procedimiento \u201cpreferente y sumario\u201d\/CONFLICTOS RELACIONADOS CON PRESTACIONES DE SALUD EXCLUIDAS DEL PLAN DE BENEFICIOS-Entidad debe aplicar el procedimiento preferente y sumario consagrado en el art\u00edculo 126 de la Ley 1438\/11 \u00a0 \u00a0 \u00a0 El art\u00edculo 41 de la Ley ...<br \/><div class=\"pt-cv-rmwrap\"><a href=\"https:\/\/www.dmsjuridica.com\/buscador_20179478954\/corteconstitucionalcronologico202454587\/t-825-12\/\" class=\"_self pt-cv-readmore btn btn-success\" target=\"_self\">Ver Sentencia Completa...<\/a><\/div><\/div><\/div><\/div>\n<div class=\"col-md-12 col-sm-12 col-xs-12 pt-cv-content-item pt-cv-1-col\" ><div class='pt-cv-ifield'><a href=\"https:\/\/www.dmsjuridica.com\/buscador_20179478954\/corteconstitucionalcronologico202454587\/t-824-12\/\" class=\"_self pt-cv-href-thumbnail pt-cv-thumb-default\" target=\"_self\" ><\/a>\n<div class=\"pt-cv-taxoterm above_title\"><a href='https:\/\/www.dmsjuridica.com\/buscador_20179478954\/corteconstitucionalcronologico202454587\/category\/buscar-en-toda-la-corte\/2012\/tutelas-2012\/' title='Tutelas 2012' class='pt-cv-tax-tutelas-2012'>Tutelas 2012<\/a><\/div>\n<h4 class=\"pt-cv-title\"><a href=\"https:\/\/www.dmsjuridica.com\/buscador_20179478954\/corteconstitucionalcronologico202454587\/t-824-12\/\" class=\"_self\" target=\"_self\" >T-824-12<\/a><\/h4>\n<div class=\"pt-cv-content\">\u00a0 \u00a0 Sentencia T-824\/12 \u00a0 Bogot\u00e1 D.C., 19 de octubre \u00a0 PENSION DE INVALIDEZ Y REQUISITO DE FIDELIDAD-Reiteraci\u00f3n de jurisprudencia \u00a0 Se ha construido una definida regla jurisprudencial, la cual ha sido recientemente reiterada mediante la sentencia T \u2013 223 de 2012, que obliga a que \u201clos\u00a0 fondos de pensiones no pueden aplicar el requisito de fidelidad como pretexto para negar la pensi\u00f3n de invalidez, cuando el hecho generador del derecho pensional haya sido anterior a la sentencia C-428 de 2009\u201d. As\u00ed, los \u00fanicos requisitos exigibles para el reconocimiento y pago de la pensi\u00f3n de invalidez son: (i) certificaci\u00f3n de ...<br \/><div class=\"pt-cv-rmwrap\"><a href=\"https:\/\/www.dmsjuridica.com\/buscador_20179478954\/corteconstitucionalcronologico202454587\/t-824-12\/\" class=\"_self pt-cv-readmore btn btn-success\" target=\"_self\">Ver Sentencia Completa...<\/a><\/div><\/div><\/div><\/div>\n<div class=\"col-md-12 col-sm-12 col-xs-12 pt-cv-content-item pt-cv-1-col\" ><div class='pt-cv-ifield'><a href=\"https:\/\/www.dmsjuridica.com\/buscador_20179478954\/corteconstitucionalcronologico202454587\/t-823-12\/\" class=\"_self pt-cv-href-thumbnail pt-cv-thumb-default\" target=\"_self\" ><\/a>\n<div class=\"pt-cv-taxoterm above_title\"><a href='https:\/\/www.dmsjuridica.com\/buscador_20179478954\/corteconstitucionalcronologico202454587\/category\/buscar-en-toda-la-corte\/2012\/tutelas-2012\/' title='Tutelas 2012' class='pt-cv-tax-tutelas-2012'>Tutelas 2012<\/a><\/div>\n<h4 class=\"pt-cv-title\"><a href=\"https:\/\/www.dmsjuridica.com\/buscador_20179478954\/corteconstitucionalcronologico202454587\/t-823-12\/\" class=\"_self\" target=\"_self\" >T-823-12<\/a><\/h4>\n<div class=\"pt-cv-content\">COMUNIDADES NEGRAS-Caso en que Gobernaci\u00f3n se niega a convocar a sesi\u00f3n p\u00fablica a los consejos comunitarios del departamento con el fin de que las comunidades elijan a sus representantes ante las comisiones consultivas departamentales y de alto nivel\u00a0 \u00a0 COMUNIDAD AFRODESCENDIENTE-Reconocimiento y protecci\u00f3n constitucional y legal de la diversidad \u00e9tnica y cultural efectuado por la Constituci\u00f3n y la ley \u00a0 Esta Corporaci\u00f3n ha reconocido el car\u00e1cter de \u201cpueblo tribal\u201d de las comunidades afrocolombianas para efectos de la aplicaci\u00f3n del Convenio 169 de la OIT sobre los pueblos ind\u00edgenas y tribales. Como grupos \u00e9tnicos diferenciados, las comunidades negras son titulares de ...<br \/><div class=\"pt-cv-rmwrap\"><a href=\"https:\/\/www.dmsjuridica.com\/buscador_20179478954\/corteconstitucionalcronologico202454587\/t-823-12\/\" class=\"_self pt-cv-readmore btn btn-success\" target=\"_self\">Ver Sentencia Completa...<\/a><\/div><\/div><\/div><\/div>\n<div class=\"col-md-12 col-sm-12 col-xs-12 pt-cv-content-item pt-cv-1-col\" ><div class='pt-cv-ifield'><a href=\"https:\/\/www.dmsjuridica.com\/buscador_20179478954\/corteconstitucionalcronologico202454587\/t-817-12\/\" class=\"_self pt-cv-href-thumbnail pt-cv-thumb-default\" target=\"_self\" ><\/a>\n<div class=\"pt-cv-taxoterm above_title\"><a href='https:\/\/www.dmsjuridica.com\/buscador_20179478954\/corteconstitucionalcronologico202454587\/category\/buscar-en-toda-la-corte\/2012\/tutelas-2012\/' title='Tutelas 2012' class='pt-cv-tax-tutelas-2012'>Tutelas 2012<\/a><\/div>\n<h4 class=\"pt-cv-title\"><a href=\"https:\/\/www.dmsjuridica.com\/buscador_20179478954\/corteconstitucionalcronologico202454587\/t-817-12\/\" class=\"_self\" target=\"_self\" >T-817-12<\/a><\/h4>\n<div class=\"pt-cv-content\">\u00a0 \u00a0 Sentencia T-817\/12\u00a0 \u00a0 ACCION DE TUTELA CONTRA PROVIDENCIAS JUDICIALES-Reiteraci\u00f3n de jurisprudencia sobre procedencia excepcional \u00a0 ACCION DE TUTELA CONTRA PROVIDENCIAS JUDICIALES-Requisitos generales y especiales de procedibilidad \u00a0 DEFECTO SUSTANTIVO Y DEFECTO FACTICO COMO CAUSAL ESPECIFICA DE PROCEDENCIA DE LA ACCION DE TUTELA CONTRA PROVIDENCIAS JUDICIALES-Reiteraci\u00f3n de jurisprudencia \u00a0 PENSION DE SOBREVIVIENTES A CONYUGE NO CULPABLE DE LA SEPARACION DE CUERPOS \u00a0 DEFECTO PROCEDIMENTAL POR EXCESO RITUAL MANIFIESTO \u00a0 La Sala considera que (i) el defecto procedimental por exceso ritual manifiesto se presenta cuando un funcionario utiliza o concibe los procedimientos como un obst\u00e1culo para la eficacia del derecho ...<br \/><div class=\"pt-cv-rmwrap\"><a href=\"https:\/\/www.dmsjuridica.com\/buscador_20179478954\/corteconstitucionalcronologico202454587\/t-817-12\/\" class=\"_self pt-cv-readmore btn btn-success\" target=\"_self\">Ver Sentencia Completa...<\/a><\/div><\/div><\/div><\/div>\n<div class=\"col-md-12 col-sm-12 col-xs-12 pt-cv-content-item pt-cv-1-col\" ><div class='pt-cv-ifield'><a href=\"https:\/\/www.dmsjuridica.com\/buscador_20179478954\/corteconstitucionalcronologico202454587\/t-816-12\/\" class=\"_self pt-cv-href-thumbnail pt-cv-thumb-default\" target=\"_self\" ><\/a>\n<div class=\"pt-cv-taxoterm above_title\"><a href='https:\/\/www.dmsjuridica.com\/buscador_20179478954\/corteconstitucionalcronologico202454587\/category\/buscar-en-toda-la-corte\/2012\/tutelas-2012\/' title='Tutelas 2012' class='pt-cv-tax-tutelas-2012'>Tutelas 2012<\/a><\/div>\n<h4 class=\"pt-cv-title\"><a href=\"https:\/\/www.dmsjuridica.com\/buscador_20179478954\/corteconstitucionalcronologico202454587\/t-816-12\/\" class=\"_self\" target=\"_self\" >T-816-12<\/a><\/h4>\n<div class=\"pt-cv-content\">\u00a0 \u00a0 Sentencia T-816\/12 \u00a0 DERECHO A LA VIVIENDA DIGNA-Caso en que se ordena demolici\u00f3n de vivienda por la presunta violaci\u00f3n al r\u00e9gimen urban\u00edstico\u00a0 \u00a0 DERECHO A LA VIVIENDA DIGNA-Protecci\u00f3n a trav\u00e9s de la acci\u00f3n de tutela \u00a0 El desarrollo jurisprudencial en torno al derecho a la vivienda digna ha llegado a concluir que si bien se trata de un derecho social, econ\u00f3mico y cultural, hay supuestos especiales en los cuales es posible ampararlo por medio de la acci\u00f3n de tutela, siempre y cuando se cumplan los requisitos generales de procedibilidad. As\u00ed las cosas, se ha entendido que la intervenci\u00f3n ...<br \/><div class=\"pt-cv-rmwrap\"><a href=\"https:\/\/www.dmsjuridica.com\/buscador_20179478954\/corteconstitucionalcronologico202454587\/t-816-12\/\" class=\"_self pt-cv-readmore btn btn-success\" target=\"_self\">Ver Sentencia Completa...<\/a><\/div><\/div><\/div><\/div>\n<div class=\"col-md-12 col-sm-12 col-xs-12 pt-cv-content-item pt-cv-1-col\" ><div class='pt-cv-ifield'><a href=\"https:\/\/www.dmsjuridica.com\/buscador_20179478954\/corteconstitucionalcronologico202454587\/t-815-12\/\" class=\"_self pt-cv-href-thumbnail pt-cv-thumb-default\" target=\"_self\" ><\/a>\n<div class=\"pt-cv-taxoterm above_title\"><a href='https:\/\/www.dmsjuridica.com\/buscador_20179478954\/corteconstitucionalcronologico202454587\/category\/buscar-en-toda-la-corte\/2012\/tutelas-2012\/' title='Tutelas 2012' class='pt-cv-tax-tutelas-2012'>Tutelas 2012<\/a><\/div>\n<h4 class=\"pt-cv-title\"><a href=\"https:\/\/www.dmsjuridica.com\/buscador_20179478954\/corteconstitucionalcronologico202454587\/t-815-12\/\" class=\"_self\" target=\"_self\" >T-815-12<\/a><\/h4>\n<div class=\"pt-cv-content\">\u00a0 \u00a0 Sentencia T-815\/12 \u00a0 PROTECCION DEL DERECHO A LA SALUD-Reiteraci\u00f3n de jurisprudencia \u00a0 CUOTAS MODERADORAS Y COPAGOS-Naturaleza jur\u00eddica\/EXONERACION DE CUOTAS MODERADORAS Y COPAGOS-Reglas jurisprudenciales\u00a0 \u00a0 \u00a0 \u00a0 La acci\u00f3n de tutela procede para solicitar la protecci\u00f3n del derecho fundamental a la salud, siempre y cuando se cumplan con los requisitos se\u00f1alados por la jurisprudencia. En el caso de los copagos, en principio estos deben ser cobrados por las entidades prestadoras de salud, sin embargo, no pueden convertirse en una barrera de acceso a trav\u00e9s de la cual se nieguen servicios sujetos al principio de necesidad, esta circunstancia debe valorarse ...<br \/><div class=\"pt-cv-rmwrap\"><a href=\"https:\/\/www.dmsjuridica.com\/buscador_20179478954\/corteconstitucionalcronologico202454587\/t-815-12\/\" class=\"_self pt-cv-readmore btn btn-success\" target=\"_self\">Ver Sentencia Completa...<\/a><\/div><\/div><\/div><\/div>\n<div class=\"col-md-12 col-sm-12 col-xs-12 pt-cv-content-item pt-cv-1-col\" ><div class='pt-cv-ifield'><a href=\"https:\/\/www.dmsjuridica.com\/buscador_20179478954\/corteconstitucionalcronologico202454587\/t-814-12\/\" class=\"_self pt-cv-href-thumbnail pt-cv-thumb-default\" target=\"_self\" ><\/a>\n<div class=\"pt-cv-taxoterm above_title\"><a href='https:\/\/www.dmsjuridica.com\/buscador_20179478954\/corteconstitucionalcronologico202454587\/category\/buscar-en-toda-la-corte\/2012\/tutelas-2012\/' title='Tutelas 2012' class='pt-cv-tax-tutelas-2012'>Tutelas 2012<\/a><\/div>\n<h4 class=\"pt-cv-title\"><a href=\"https:\/\/www.dmsjuridica.com\/buscador_20179478954\/corteconstitucionalcronologico202454587\/t-814-12\/\" class=\"_self\" target=\"_self\" >T-814-12<\/a><\/h4>\n<div class=\"pt-cv-content\">\u00a0 \u00a0 Sentencia T-814\/12 \u00a0 ACCION DE TUTELA CONTRA CORABASTOS-Caso de trabajadores de una bodega de la plaza de mercado que se encontraban al respaldo de un centro de acopio de residuos verdes y alegaban que les perturba su derecho a la salud\u00a0 \u00a0 PRINCIPIO DE SUBSIDIARIEDAD E INMEDIATEZ EN LA ACCION DE TUTELA-Requisitos de procedibilidad\u00a0 \u00a0 El primer elemento de procedencia que consagra la disposici\u00f3n constitucional, es que la tutela sea utilizada para la protecci\u00f3n de\u00a0\u201cderechos constitucionales fundamentales\u201d. De esta manera, es clara en describir que el \u00e1mbito sobre el cual recae esta v\u00eda jur\u00eddica son las disputas que ...<br \/><div class=\"pt-cv-rmwrap\"><a href=\"https:\/\/www.dmsjuridica.com\/buscador_20179478954\/corteconstitucionalcronologico202454587\/t-814-12\/\" class=\"_self pt-cv-readmore btn btn-success\" target=\"_self\">Ver Sentencia Completa...<\/a><\/div><\/div><\/div><\/div>\n<div class=\"col-md-12 col-sm-12 col-xs-12 pt-cv-content-item pt-cv-1-col\" ><div class='pt-cv-ifield'><a href=\"https:\/\/www.dmsjuridica.com\/buscador_20179478954\/corteconstitucionalcronologico202454587\/t-813-12\/\" class=\"_self pt-cv-href-thumbnail pt-cv-thumb-default\" target=\"_self\" ><\/a>\n<div class=\"pt-cv-taxoterm above_title\"><a href='https:\/\/www.dmsjuridica.com\/buscador_20179478954\/corteconstitucionalcronologico202454587\/category\/buscar-en-toda-la-corte\/2012\/tutelas-2012\/' title='Tutelas 2012' class='pt-cv-tax-tutelas-2012'>Tutelas 2012<\/a><\/div>\n<h4 class=\"pt-cv-title\"><a href=\"https:\/\/www.dmsjuridica.com\/buscador_20179478954\/corteconstitucionalcronologico202454587\/t-813-12\/\" class=\"_self\" target=\"_self\" >T-813-12<\/a><\/h4>\n<div class=\"pt-cv-content\">\u00a0 \u00a0 Sentencia T-813\/12 \u00a0 ACCION DE TUTELA CONTRA PROVIDENCIAS JUDICIALES-Procedencia excepcional\/ACCION DE TUTELA CONTRA PROVIDENCIAS JUDICIALES-Requisitos generales y especiales de procedibilidad\u00a0 \u00a0 La acci\u00f3n de amparo se encuentra reservada para aquellos eventos en los cuales se presente una verdadera conculcaci\u00f3n de un derecho fundamental, lo cual suele traducirse en actuaciones arbitrarias, ostensiblemente opuestas al ordenamiento jur\u00eddico, al punto de requerirse la intervenci\u00f3n del juez de tutela como \u00fanica v\u00eda para su restablecimiento, pues de otra forma ese instrumento consignado en el art\u00edculo 86 superior habr\u00eda de convertirse en un mecanismo especial de enmienda de las decisiones judiciales, interpretaci\u00f3n que ...<br \/><div class=\"pt-cv-rmwrap\"><a href=\"https:\/\/www.dmsjuridica.com\/buscador_20179478954\/corteconstitucionalcronologico202454587\/t-813-12\/\" class=\"_self pt-cv-readmore btn btn-success\" target=\"_self\">Ver Sentencia Completa...<\/a><\/div><\/div><\/div><\/div>\n<div class=\"col-md-12 col-sm-12 col-xs-12 pt-cv-content-item pt-cv-1-col\" ><div class='pt-cv-ifield'><a href=\"https:\/\/www.dmsjuridica.com\/buscador_20179478954\/corteconstitucionalcronologico202454587\/t-812-12\/\" class=\"_self pt-cv-href-thumbnail pt-cv-thumb-default\" target=\"_self\" ><\/a>\n<div class=\"pt-cv-taxoterm above_title\"><a href='https:\/\/www.dmsjuridica.com\/buscador_20179478954\/corteconstitucionalcronologico202454587\/category\/buscar-en-toda-la-corte\/2012\/tutelas-2012\/' title='Tutelas 2012' class='pt-cv-tax-tutelas-2012'>Tutelas 2012<\/a><\/div>\n<h4 class=\"pt-cv-title\"><a href=\"https:\/\/www.dmsjuridica.com\/buscador_20179478954\/corteconstitucionalcronologico202454587\/t-812-12\/\" class=\"_self\" target=\"_self\" >T-812-12<\/a><\/h4>\n<div class=\"pt-cv-content\">\u00a0 \u00a0 Sentencia T-812\/12 \u00a0 DERECHO DE DEFENSA EN PROCESO PENAL-Caso en que el actor no fue notificado personalmente de la sentencia condenatoria dictada en su contra mientras se encontraba privado de la libertad\u00a0 \u00a0 ACCION DE TUTELA CONTRA DECISIONES JUDICIALES-Procedencia excepcional\u00a0 \u00a0 De forma muy excepcional, se permite el uso de la acci\u00f3n de tutela para cuestionar aquellas\u00a0\u201cdecisiones\u201d\u00a0que por contrariar de manera grave, flagrante y grosera el ordenamiento constitucional, no puedan en realidad reputarse como verdaderos pronunciamientos judiciales. As\u00ed, siendo claro e indiscutible que tambi\u00e9n los administradores de justicia deben respeto a la Constituci\u00f3n y a las leyes, m\u00e1s ...<br \/><div class=\"pt-cv-rmwrap\"><a href=\"https:\/\/www.dmsjuridica.com\/buscador_20179478954\/corteconstitucionalcronologico202454587\/t-812-12\/\" class=\"_self pt-cv-readmore btn btn-success\" target=\"_self\">Ver Sentencia Completa...<\/a><\/div><\/div><\/div><\/div>\n<div class=\"col-md-12 col-sm-12 col-xs-12 pt-cv-content-item pt-cv-1-col\" ><div class='pt-cv-ifield'><a href=\"https:\/\/www.dmsjuridica.com\/buscador_20179478954\/corteconstitucionalcronologico202454587\/t-811-12\/\" class=\"_self pt-cv-href-thumbnail pt-cv-thumb-default\" target=\"_self\" ><\/a>\n<div class=\"pt-cv-taxoterm above_title\"><a href='https:\/\/www.dmsjuridica.com\/buscador_20179478954\/corteconstitucionalcronologico202454587\/category\/buscar-en-toda-la-corte\/2012\/tutelas-2012\/' title='Tutelas 2012' class='pt-cv-tax-tutelas-2012'>Tutelas 2012<\/a><\/div>\n<h4 class=\"pt-cv-title\"><a href=\"https:\/\/www.dmsjuridica.com\/buscador_20179478954\/corteconstitucionalcronologico202454587\/t-811-12\/\" class=\"_self\" target=\"_self\" >T-811-12<\/a><\/h4>\n<div class=\"pt-cv-content\">\u00a0 \u00a0 \u00a0Sentencia T-811\/12 \u00a0 ACCION DE TUTELA PARA RECONOCIMIENTO DE PENSION DE INVALIDEZ-Casos de personas con discapacidad que reclaman pensiones de invalidez por haber perdido m\u00e1s del 50% de la capacidad laboral \u00a0 ACCION DE TUTELA PARA RECONOCIMIENTO DE PENSION DE INVALIDEZ-Procedencia excepcional\u00a0 \u00a0 El reconocimiento de una prestaci\u00f3n pensional mediante acci\u00f3n de tutela ser\u00eda, en principio, improcedente, pues el\u00a0ordenamiento jur\u00eddico nacional ha dispuesto medios judiciales espec\u00edficos para la soluci\u00f3n de conflictos de ese origen, sea en la jurisdicci\u00f3n laboral ordinaria o en la contencioso administrativa, seg\u00fan el caso. Sin embargo,(\u2026)\u00a0el juez de tutela puede ordenar el reconocimiento de ...<br \/><div class=\"pt-cv-rmwrap\"><a href=\"https:\/\/www.dmsjuridica.com\/buscador_20179478954\/corteconstitucionalcronologico202454587\/t-811-12\/\" class=\"_self pt-cv-readmore btn btn-success\" target=\"_self\">Ver Sentencia Completa...<\/a><\/div><\/div><\/div><\/div>\n<div class=\"col-md-12 col-sm-12 col-xs-12 pt-cv-content-item pt-cv-1-col\" ><div class='pt-cv-ifield'><a href=\"https:\/\/www.dmsjuridica.com\/buscador_20179478954\/corteconstitucionalcronologico202454587\/t-810-12\/\" class=\"_self pt-cv-href-thumbnail pt-cv-thumb-default\" target=\"_self\" ><\/a>\n<div class=\"pt-cv-taxoterm above_title\"><a href='https:\/\/www.dmsjuridica.com\/buscador_20179478954\/corteconstitucionalcronologico202454587\/category\/buscar-en-toda-la-corte\/2012\/tutelas-2012\/' title='Tutelas 2012' class='pt-cv-tax-tutelas-2012'>Tutelas 2012<\/a><\/div>\n<h4 class=\"pt-cv-title\"><a href=\"https:\/\/www.dmsjuridica.com\/buscador_20179478954\/corteconstitucionalcronologico202454587\/t-810-12\/\" class=\"_self\" target=\"_self\" >T-810-12<\/a><\/h4>\n<div class=\"pt-cv-content\">\u00a0 \u00a0 Sentencia T-810\/12 \u00a0 TEMERIDAD-Configuraci\u00f3n\u00a0 \u00a0 Conforme a lo dispuesto en el art\u00edculo 38 del Decreto 2591 de 1991, la pluralidad en el ejercicio de la acci\u00f3n de amparo constitucional por los mismos hechos, constituye actuaci\u00f3n temeraria y conlleva el rechazo o la decisi\u00f3n desfavorable a lo pretendido. En efecto, esta corporaci\u00f3n, conforme a lo normado en el referido precepto, reprocha la presentaci\u00f3n simult\u00e1nea o sucesiva de acciones de tutela sobre los mismos hechos e iguales intervinientes, en tanto que, adem\u00e1s de infringir los principios de econom\u00eda procesal, eficiencia y eficacia, resulta desleal y contrar\u00eda la capacidad judicial del ...<br \/><div class=\"pt-cv-rmwrap\"><a href=\"https:\/\/www.dmsjuridica.com\/buscador_20179478954\/corteconstitucionalcronologico202454587\/t-810-12\/\" class=\"_self pt-cv-readmore btn btn-success\" target=\"_self\">Ver Sentencia Completa...<\/a><\/div><\/div><\/div><\/div>\n<div class=\"col-md-12 col-sm-12 col-xs-12 pt-cv-content-item pt-cv-1-col\" ><div class='pt-cv-ifield'><a href=\"https:\/\/www.dmsjuridica.com\/buscador_20179478954\/corteconstitucionalcronologico202454587\/t-809-12\/\" class=\"_self pt-cv-href-thumbnail pt-cv-thumb-default\" target=\"_self\" ><\/a>\n<div class=\"pt-cv-taxoterm above_title\"><a href='https:\/\/www.dmsjuridica.com\/buscador_20179478954\/corteconstitucionalcronologico202454587\/category\/buscar-en-toda-la-corte\/2012\/tutelas-2012\/' title='Tutelas 2012' class='pt-cv-tax-tutelas-2012'>Tutelas 2012<\/a><\/div>\n<h4 class=\"pt-cv-title\"><a href=\"https:\/\/www.dmsjuridica.com\/buscador_20179478954\/corteconstitucionalcronologico202454587\/t-809-12\/\" class=\"_self\" target=\"_self\" >T-809-12<\/a><\/h4>\n<div class=\"pt-cv-content\">\u00a0 \u00a0 Sentencia T-809\/12 \u00a0 SUMINISTRO Y ADAPTACION DE AUDIFONOS BILATERALES PRESCRITOS POR MEDICO TRATANTE Y PLAN OBLIGATORIO DE SALUD-Caso en que EPS no autoriza el suministro de aud\u00c3\u00adfonos bilaterales prescrito por m\u00c3\u00a9dico tratante\u00a0 \u00a0 DERECHO A LA SALUD DE PERSONAS DE LA TERCERA EDAD-Fundamental aut\u00c3\u00b3nomo \u00a0 En cuanto a la protecci\u00c3\u00b3n del Estado, trat\u00c3\u00a1ndose de las personas pertenecientes a la tercera edad, esta Corporaci\u00c3\u00b3n ha se\u00c3\u00b1alado que conforme con el art\u00c3\u00adculo 13 de la Constituci\u00c3\u00b3n Pol\u00c3\u00adtica, el Estado deber\u00c3\u00a1 protegerlas en raz\u00c3\u00b3n de que \u00c3\u00a9stas se encuentran en circunstancias de debilidad manifiesta, pues se ven obligadas a\u00a0\u00e2\u20ac\u0153afrontar el deterioro ...<br \/><div class=\"pt-cv-rmwrap\"><a href=\"https:\/\/www.dmsjuridica.com\/buscador_20179478954\/corteconstitucionalcronologico202454587\/t-809-12\/\" class=\"_self pt-cv-readmore btn btn-success\" target=\"_self\">Ver Sentencia Completa...<\/a><\/div><\/div><\/div><\/div>\n<div class=\"col-md-12 col-sm-12 col-xs-12 pt-cv-content-item pt-cv-1-col\" ><div class='pt-cv-ifield'><a href=\"https:\/\/www.dmsjuridica.com\/buscador_20179478954\/corteconstitucionalcronologico202454587\/t-808-12\/\" class=\"_self pt-cv-href-thumbnail pt-cv-thumb-default\" target=\"_self\" ><\/a>\n<div class=\"pt-cv-taxoterm above_title\"><a href='https:\/\/www.dmsjuridica.com\/buscador_20179478954\/corteconstitucionalcronologico202454587\/category\/buscar-en-toda-la-corte\/2012\/tutelas-2012\/' title='Tutelas 2012' class='pt-cv-tax-tutelas-2012'>Tutelas 2012<\/a><\/div>\n<h4 class=\"pt-cv-title\"><a href=\"https:\/\/www.dmsjuridica.com\/buscador_20179478954\/corteconstitucionalcronologico202454587\/t-808-12\/\" class=\"_self\" target=\"_self\" >T-808-12<\/a><\/h4>\n<div class=\"pt-cv-content\">\u00a0 \u00a0 Sentencia T-808\/12 \u00a0 DERECHO DE PETICION-Reiteraci\u00f3n de jurisprudencia \u00a0 Esta Corporaci\u00f3n en su jurisprudencia ha caracterizado este derecho estableciendo que el n\u00facleo esencial del mismo reside en la resoluci\u00f3n pronta y oportuna de lo solicitado. El derecho de petici\u00f3n implica no solamente la posibilidad que tienen las personas de presentar solicitudes respetuosas tanto a entidades p\u00fablicas como privadas, sino que tambi\u00e9n es componente esencial de este derecho la obligaci\u00f3n que tienen dichas entidades de emitir una respuesta de fondo, la cual deben comunicar efectivamente al interesado. \u00a0 DERECHO FUNDAMENTAL A LA SALUD DE NI\u00d1OS Y NI\u00d1AS-Reiteraci\u00f3n de jurisprudencia ...<br \/><div class=\"pt-cv-rmwrap\"><a href=\"https:\/\/www.dmsjuridica.com\/buscador_20179478954\/corteconstitucionalcronologico202454587\/t-808-12\/\" class=\"_self pt-cv-readmore btn btn-success\" target=\"_self\">Ver Sentencia Completa...<\/a><\/div><\/div><\/div><\/div>\n<div class=\"col-md-12 col-sm-12 col-xs-12 pt-cv-content-item pt-cv-1-col\" ><div class='pt-cv-ifield'><a href=\"https:\/\/www.dmsjuridica.com\/buscador_20179478954\/corteconstitucionalcronologico202454587\/t-807-12\/\" class=\"_self pt-cv-href-thumbnail pt-cv-thumb-default\" target=\"_self\" ><\/a>\n<div class=\"pt-cv-taxoterm above_title\"><a href='https:\/\/www.dmsjuridica.com\/buscador_20179478954\/corteconstitucionalcronologico202454587\/category\/buscar-en-toda-la-corte\/2012\/tutelas-2012\/' title='Tutelas 2012' class='pt-cv-tax-tutelas-2012'>Tutelas 2012<\/a><\/div>\n<h4 class=\"pt-cv-title\"><a href=\"https:\/\/www.dmsjuridica.com\/buscador_20179478954\/corteconstitucionalcronologico202454587\/t-807-12\/\" class=\"_self\" target=\"_self\" >T-807-12<\/a><\/h4>\n<div class=\"pt-cv-content\">\u00a0 \u00a0 Sentencia T-807\/12 \u00a0 DERECHO DE PETICION-Reiteraci\u00f3n de jurisprudencia \u00a0 PRINCIPIO DE CONTINUIDAD EN EL SERVICIO DE SALUD-Culminaci\u00f3n de tratamiento m\u00e9dico aunque se hubiere extinguido vinculaci\u00f3n con EPS \u00a0 Las EPS, como garantes de los derechos de los afiliados, est\u00e1n en la obligaci\u00f3n de prestar los tratamientos m\u00e9dicos requeridos hasta la estabilizaci\u00f3n del paciente, su recuperaci\u00f3n o hasta que otro prestador del servicio lo haya asumido efectivamente. No puede admitirse su interrupci\u00f3n abrupta por razones de \u00edndole legal o administrativo, si con dicha actuaci\u00f3n se pone en peligro la vida, la salud, la integridad personal y la dignidad del ...<br \/><div class=\"pt-cv-rmwrap\"><a href=\"https:\/\/www.dmsjuridica.com\/buscador_20179478954\/corteconstitucionalcronologico202454587\/t-807-12\/\" class=\"_self pt-cv-readmore btn btn-success\" target=\"_self\">Ver Sentencia Completa...<\/a><\/div><\/div><\/div><\/div>\n<div class=\"col-md-12 col-sm-12 col-xs-12 pt-cv-content-item pt-cv-1-col\" ><div class='pt-cv-ifield'><a href=\"https:\/\/www.dmsjuridica.com\/buscador_20179478954\/corteconstitucionalcronologico202454587\/t-806-12\/\" class=\"_self pt-cv-href-thumbnail pt-cv-thumb-default\" target=\"_self\" ><\/a>\n<div class=\"pt-cv-taxoterm above_title\"><a href='https:\/\/www.dmsjuridica.com\/buscador_20179478954\/corteconstitucionalcronologico202454587\/category\/buscar-en-toda-la-corte\/2012\/tutelas-2012\/' title='Tutelas 2012' class='pt-cv-tax-tutelas-2012'>Tutelas 2012<\/a><\/div>\n<h4 class=\"pt-cv-title\"><a href=\"https:\/\/www.dmsjuridica.com\/buscador_20179478954\/corteconstitucionalcronologico202454587\/t-806-12\/\" class=\"_self\" target=\"_self\" >T-806-12<\/a><\/h4>\n<div class=\"pt-cv-content\">\u00a0 \u00a0 Sentencia T-806\/12 \u00a0 PRINCIPIO DE SUBSIDIARIEDAD E INMEDIATEZ EN LA ACCION DE TUTELA-Requisitos de procedibilidad\u00a0 \u00a0 Es necesario constatar que se alegue la vulneraci\u00f3n de derechos fundamentales por parte de quien presenta la acci\u00f3n de tutela. Una vez el juez ha verificado que se encuentran en disputa derechos de raigambre\u00a0iusfundamental, debe proceder a analizar los elementos objetivos y subjetivos que condicionan la prosperidad del amparo. El elemento subjetivo, referente a la legitimaci\u00f3n por activa y por pasiva de los sujetos que intervienen como parte en el proceso y, en segundo t\u00e9rmino, el elemento objetivo, circunscrito al cumplimiento de ...<br \/><div class=\"pt-cv-rmwrap\"><a href=\"https:\/\/www.dmsjuridica.com\/buscador_20179478954\/corteconstitucionalcronologico202454587\/t-806-12\/\" class=\"_self pt-cv-readmore btn btn-success\" target=\"_self\">Ver Sentencia Completa...<\/a><\/div><\/div><\/div><\/div>\n<div class=\"col-md-12 col-sm-12 col-xs-12 pt-cv-content-item pt-cv-1-col\" ><div class='pt-cv-ifield'><a href=\"https:\/\/www.dmsjuridica.com\/buscador_20179478954\/corteconstitucionalcronologico202454587\/t-805-12\/\" class=\"_self pt-cv-href-thumbnail pt-cv-thumb-default\" target=\"_self\" ><\/a>\n<div class=\"pt-cv-taxoterm above_title\"><a href='https:\/\/www.dmsjuridica.com\/buscador_20179478954\/corteconstitucionalcronologico202454587\/category\/buscar-en-toda-la-corte\/2012\/tutelas-2012\/' title='Tutelas 2012' class='pt-cv-tax-tutelas-2012'>Tutelas 2012<\/a><\/div>\n<h4 class=\"pt-cv-title\"><a href=\"https:\/\/www.dmsjuridica.com\/buscador_20179478954\/corteconstitucionalcronologico202454587\/t-805-12\/\" class=\"_self\" target=\"_self\" >T-805-12<\/a><\/h4>\n<div class=\"pt-cv-content\">\u00a0 \u00a0 Sentencia T-805\/12 \u00a0 ACCION DE TUTELA PARA RECONOCIMIENTO DE PRESTACIONES SOCIALES-Caso en que el ISS no tuvo en cuenta ciertos tiempos laborados para el reconocimiento y pago de pensi\u00f3n de vejez de adulto que sufre una p\u00e9rdida de capacidad laboral superior al 50%\u00a0 \u00a0 ACCION DE TUTELA PARA RECONOCIMIENTO DE PRESTACIONES SOCIALES-Procedencia excepcional\u00a0 \u00a0 La acci\u00f3n de tutela en principio es improcedente para solicitar derechos prestacionales, puede serlo de manera excepcional y bajo un estudio m\u00e1s flexible cuando se trate de un sujeto de especial protecci\u00f3n constitucional, que ante la ausencia del reconocimiento del pago de una prestaci\u00f3n ...<br \/><div class=\"pt-cv-rmwrap\"><a href=\"https:\/\/www.dmsjuridica.com\/buscador_20179478954\/corteconstitucionalcronologico202454587\/t-805-12\/\" class=\"_self pt-cv-readmore btn btn-success\" target=\"_self\">Ver Sentencia Completa...<\/a><\/div><\/div><\/div><\/div>\n<div class=\"col-md-12 col-sm-12 col-xs-12 pt-cv-content-item pt-cv-1-col\" ><div class='pt-cv-ifield'><a href=\"https:\/\/www.dmsjuridica.com\/buscador_20179478954\/corteconstitucionalcronologico202454587\/t-804-12\/\" class=\"_self pt-cv-href-thumbnail pt-cv-thumb-default\" target=\"_self\" ><\/a>\n<div class=\"pt-cv-taxoterm above_title\"><a href='https:\/\/www.dmsjuridica.com\/buscador_20179478954\/corteconstitucionalcronologico202454587\/category\/buscar-en-toda-la-corte\/2012\/tutelas-2012\/' title='Tutelas 2012' class='pt-cv-tax-tutelas-2012'>Tutelas 2012<\/a><\/div>\n<h4 class=\"pt-cv-title\"><a href=\"https:\/\/www.dmsjuridica.com\/buscador_20179478954\/corteconstitucionalcronologico202454587\/t-804-12\/\" class=\"_self\" target=\"_self\" >T-804-12<\/a><\/h4>\n<div class=\"pt-cv-content\">\u00a0 \u00a0 Sentencia T-804\/12 \u00a0 ACCION DE TUTELA CONTRA PROVIDENCIAS JUDICIALES-Caso de funcionario p\u00fablico sancionado disciplinariamente con suspensi\u00f3n en el ejercicio del cargo por haber incumplido t\u00e9rminos judiciales\u00a0 \u00a0 ACCION DE TUTELA CONTRA PROVIDENCIAS JUDICIALES-Procedencia excepcional\u00a0 \u00a0 DEFECTO FACTICO-Configuraci\u00f3n\u00a0 \u00a0 La Corte Constitucional ha definido el defecto f\u00e1ctico como aquel que surge\u00a0\u201ccuando el juez carece del apoyo probatorio que permita la aplicaci\u00f3n del supuesto legal en el que se sustenta la decisi\u00f3n\u201d, precisando que las diferencias de valoraci\u00f3n en la apreciaci\u00f3n de una prueba no constituyen errores f\u00e1cticos, ya que el juez, en su labor, no s\u00f3lo es aut\u00f3nomo sino ...<br \/><div class=\"pt-cv-rmwrap\"><a href=\"https:\/\/www.dmsjuridica.com\/buscador_20179478954\/corteconstitucionalcronologico202454587\/t-804-12\/\" class=\"_self pt-cv-readmore btn btn-success\" target=\"_self\">Ver Sentencia Completa...<\/a><\/div><\/div><\/div><\/div>\n<div class=\"col-md-12 col-sm-12 col-xs-12 pt-cv-content-item pt-cv-1-col\" ><div class='pt-cv-ifield'><a href=\"https:\/\/www.dmsjuridica.com\/buscador_20179478954\/corteconstitucionalcronologico202454587\/t-803-12\/\" class=\"_self pt-cv-href-thumbnail pt-cv-thumb-default\" target=\"_self\" ><\/a>\n<div class=\"pt-cv-taxoterm above_title\"><a href='https:\/\/www.dmsjuridica.com\/buscador_20179478954\/corteconstitucionalcronologico202454587\/category\/buscar-en-toda-la-corte\/2012\/tutelas-2012\/' title='Tutelas 2012' class='pt-cv-tax-tutelas-2012'>Tutelas 2012<\/a><\/div>\n<h4 class=\"pt-cv-title\"><a href=\"https:\/\/www.dmsjuridica.com\/buscador_20179478954\/corteconstitucionalcronologico202454587\/t-803-12\/\" class=\"_self\" target=\"_self\" >T-803-12<\/a><\/h4>\n<div class=\"pt-cv-content\">\u00a0 \u00a0 Sentencia T-803\/12 \u00a0 ACCION DE TUTELA CONTRA PROVIDENCIAS JUDICIALES EN PROCESO DISCIPLINARIO-Procedencia por defecto f\u00e1ctico por omisi\u00f3n y valoraci\u00f3n defectuosa del material probatorio en proceso contra Magistrado \u00a0 ACCION DE TUTELA CONTRA PROVIDENCIAS JUDICIALES-Causales de procedibilidad \u00a0 PRINCIPIO DE INMEDIATEZ COMO REQUISITO DE PROCEDIBILIDAD DE LA ACCION DE TUTELA CONTRA PROVIDENCIAS JUDICIALES\u00a0 \u00a0 La jurisprudencia constitucional ha sido enf\u00e1tica en se\u00f1alar que la acci\u00f3n de tutela, conforme al art\u00edculo 86 Superior, no cuenta con t\u00e9rmino de caducidad alguno, pudi\u00e9ndose ejercer en cualquier tiempo. Sin embargo, ello no implica que el juez constitucional pueda conceder la protecci\u00f3n de los ...<br \/><div class=\"pt-cv-rmwrap\"><a href=\"https:\/\/www.dmsjuridica.com\/buscador_20179478954\/corteconstitucionalcronologico202454587\/t-803-12\/\" class=\"_self pt-cv-readmore btn btn-success\" target=\"_self\">Ver Sentencia Completa...<\/a><\/div><\/div><\/div><\/div>\n<div class=\"col-md-12 col-sm-12 col-xs-12 pt-cv-content-item pt-cv-1-col\" ><div class='pt-cv-ifield'><a href=\"https:\/\/www.dmsjuridica.com\/buscador_20179478954\/corteconstitucionalcronologico202454587\/t-802-12\/\" class=\"_self pt-cv-href-thumbnail pt-cv-thumb-default\" target=\"_self\" ><\/a>\n<div class=\"pt-cv-taxoterm above_title\"><a href='https:\/\/www.dmsjuridica.com\/buscador_20179478954\/corteconstitucionalcronologico202454587\/category\/buscar-en-toda-la-corte\/2012\/tutelas-2012\/' title='Tutelas 2012' class='pt-cv-tax-tutelas-2012'>Tutelas 2012<\/a><\/div>\n<h4 class=\"pt-cv-title\"><a href=\"https:\/\/www.dmsjuridica.com\/buscador_20179478954\/corteconstitucionalcronologico202454587\/t-802-12\/\" class=\"_self\" target=\"_self\" >T-802-12<\/a><\/h4>\n<div class=\"pt-cv-content\">\u00a0 \u00a0 Sentencia T-802\/12 \u00a0 RETEN SOCIAL DE PREPENSIONADO\/ACCION DE TUTELA PARA SOLICITAR LA APLICACION DEL RETEN SOCIAL-Procedencia \u00a0 RETEN SOCIAL A PREPENSIONADOS-Alcance \u00a0 La jurisprudencia constitucional ha afirmado que la garant\u00eda constitucional de los prepensionados en el proceso de renovaci\u00f3n de la respectiva entidad que ha sido objeto de liquidaci\u00f3n o reestructuraci\u00f3n dentro del plan de renovaci\u00f3n de la administraci\u00f3n nacional, y se otorga hasta tanto sea reconocida la pensi\u00f3n o se extinga la persona jur\u00eddica, lo que ocurra primero \u00a0 CATEGORIA DE PREPENSIONADO DEL SECTOR PUBLICO-Debe cumplir con todos los requisitos para acceder a la pensi\u00f3n de jubilaci\u00f3n ...<br \/><div class=\"pt-cv-rmwrap\"><a href=\"https:\/\/www.dmsjuridica.com\/buscador_20179478954\/corteconstitucionalcronologico202454587\/t-802-12\/\" class=\"_self pt-cv-readmore btn btn-success\" target=\"_self\">Ver Sentencia Completa...<\/a><\/div><\/div><\/div><\/div>\n<div class=\"col-md-12 col-sm-12 col-xs-12 pt-cv-content-item pt-cv-1-col\" ><div class='pt-cv-ifield'><a href=\"https:\/\/www.dmsjuridica.com\/buscador_20179478954\/corteconstitucionalcronologico202454587\/t-801-12\/\" class=\"_self pt-cv-href-thumbnail pt-cv-thumb-default\" target=\"_self\" ><\/a>\n<div class=\"pt-cv-taxoterm above_title\"><a href='https:\/\/www.dmsjuridica.com\/buscador_20179478954\/corteconstitucionalcronologico202454587\/category\/buscar-en-toda-la-corte\/2012\/tutelas-2012\/' title='Tutelas 2012' class='pt-cv-tax-tutelas-2012'>Tutelas 2012<\/a><\/div>\n<h4 class=\"pt-cv-title\"><a href=\"https:\/\/www.dmsjuridica.com\/buscador_20179478954\/corteconstitucionalcronologico202454587\/t-801-12\/\" class=\"_self\" target=\"_self\" >T-801-12<\/a><\/h4>\n<div class=\"pt-cv-content\">\u00a0 \u00a0 Sentencia T-801\/12 \u00a0 DERECHO DE PETICION-Caso de etnoeducadores que presentaron derecho de petici\u00f3n ante Gobernaci\u00f3n sin obtener una respuesta oportuna, apart\u00e1ndose de una sentencia de constitucionalidad vinculante al caso \u00a0 DERECHO DE PETICION-Alcance y contenido\u00a0 \u00a0 En relaci\u00f3n con su contenido y alcance, la Corte ha explicado que: i) es determinante para la efectividad de los mecanismos de la democracia; ii) su contenido esencial comprende: a) la posibilidad cierta y efectiva de elevar, en t\u00e9rminos respetuosos, solicitudes ante las autoridades, sin que \u00e9stas se nieguen a recibirlas o se abstengan de tramitarlas; b) la respuesta oportuna dentro de ...<br \/><div class=\"pt-cv-rmwrap\"><a href=\"https:\/\/www.dmsjuridica.com\/buscador_20179478954\/corteconstitucionalcronologico202454587\/t-801-12\/\" class=\"_self pt-cv-readmore btn btn-success\" target=\"_self\">Ver Sentencia Completa...<\/a><\/div><\/div><\/div><\/div>\n<div class=\"col-md-12 col-sm-12 col-xs-12 pt-cv-content-item pt-cv-1-col\" ><div class='pt-cv-ifield'><a href=\"https:\/\/www.dmsjuridica.com\/buscador_20179478954\/corteconstitucionalcronologico202454587\/t-800-12\/\" class=\"_self pt-cv-href-thumbnail pt-cv-thumb-default\" target=\"_self\" ><\/a>\n<div class=\"pt-cv-taxoterm above_title\"><a href='https:\/\/www.dmsjuridica.com\/buscador_20179478954\/corteconstitucionalcronologico202454587\/category\/buscar-en-toda-la-corte\/2012\/tutelas-2012\/' title='Tutelas 2012' class='pt-cv-tax-tutelas-2012'>Tutelas 2012<\/a><\/div>\n<h4 class=\"pt-cv-title\"><a href=\"https:\/\/www.dmsjuridica.com\/buscador_20179478954\/corteconstitucionalcronologico202454587\/t-800-12\/\" class=\"_self\" target=\"_self\" >T-800-12<\/a><\/h4>\n<div class=\"pt-cv-content\">\u00a0 \u00a0 Sentencia T-800\/12 \u00a0 PRINCIPIO DE SUBSIDIARIEDAD DE LA ACCION DE TUTELA Y SUS EXCEPCIONES EN MATERIA DE DICTAMENES DE PERDIDA DE LA CAPACIDAD LABORAL-Procedencia cuando afecta derechos fundamentales \u00a0 Esta Corporaci\u00f3n ha sostenido\u00a0que, en principio, la acci\u00f3n de tutela no procede para cuestionar los dict\u00e1menes emitidos por las juntas de calificaci\u00f3n de invalidez, debido a que la controversia que pueda suscitar dicha decisi\u00f3n puede ser resuelta ante la jurisdicci\u00f3n laboral, seg\u00fan lo se\u00f1alado por el art\u00edculo 40 del Decreto 2463 de 2001. Sin embargo, la jurisprudencia de esta Corporaci\u00f3n, tambi\u00e9n ha indicado dos excepciones a la regla general ...<br \/><div class=\"pt-cv-rmwrap\"><a href=\"https:\/\/www.dmsjuridica.com\/buscador_20179478954\/corteconstitucionalcronologico202454587\/t-800-12\/\" class=\"_self pt-cv-readmore btn btn-success\" target=\"_self\">Ver Sentencia Completa...<\/a><\/div><\/div><\/div><\/div>\n<div class=\"col-md-12 col-sm-12 col-xs-12 pt-cv-content-item pt-cv-1-col\" ><div class='pt-cv-ifield'><a href=\"https:\/\/www.dmsjuridica.com\/buscador_20179478954\/corteconstitucionalcronologico202454587\/t-799-12\/\" class=\"_self pt-cv-href-thumbnail pt-cv-thumb-default\" target=\"_self\" ><\/a>\n<div class=\"pt-cv-taxoterm above_title\"><a href='https:\/\/www.dmsjuridica.com\/buscador_20179478954\/corteconstitucionalcronologico202454587\/category\/buscar-en-toda-la-corte\/2012\/tutelas-2012\/' title='Tutelas 2012' class='pt-cv-tax-tutelas-2012'>Tutelas 2012<\/a><\/div>\n<h4 class=\"pt-cv-title\"><a href=\"https:\/\/www.dmsjuridica.com\/buscador_20179478954\/corteconstitucionalcronologico202454587\/t-799-12\/\" class=\"_self\" target=\"_self\" >T-799-12<\/a><\/h4>\n<div class=\"pt-cv-content\">\u00a0 \u00a0 Sentencia T-799\/12 \u00a0 PROTECCION DE PERSONAS EN ESTADO DE DISCAPACIDAD-Alcance fijado en la Jurisprudencia Constitucional \u00a0 La Constituci\u00f3n de 1991 consagra en diferentes art\u00edculos, disposiciones en favor de las personas con discapacidad, ello con el fin de materializar la igualdad real y efectiva entre todos los ciudadanos.\u00a0Esta Corporaci\u00f3n ha se\u00f1alado que se debe tener en cuenta si el afectado pertenece a alguna de las categor\u00edas sujetas a la especial protecci\u00f3n del Estado. Lo anterior, por cuanto este grupo de personas tienen una incidencia directa en la evaluaci\u00f3n del perjuicio, dado que las condiciones de sus competencias laborales se ...<br \/><div class=\"pt-cv-rmwrap\"><a href=\"https:\/\/www.dmsjuridica.com\/buscador_20179478954\/corteconstitucionalcronologico202454587\/t-799-12\/\" class=\"_self pt-cv-readmore btn btn-success\" target=\"_self\">Ver Sentencia Completa...<\/a><\/div><\/div><\/div><\/div>\n<div class=\"col-md-12 col-sm-12 col-xs-12 pt-cv-content-item pt-cv-1-col\" ><div class='pt-cv-ifield'><a href=\"https:\/\/www.dmsjuridica.com\/buscador_20179478954\/corteconstitucionalcronologico202454587\/t-798-12\/\" class=\"_self pt-cv-href-thumbnail pt-cv-thumb-default\" target=\"_self\" ><\/a>\n<div class=\"pt-cv-taxoterm above_title\"><a href='https:\/\/www.dmsjuridica.com\/buscador_20179478954\/corteconstitucionalcronologico202454587\/category\/buscar-en-toda-la-corte\/2012\/tutelas-2012\/' title='Tutelas 2012' class='pt-cv-tax-tutelas-2012'>Tutelas 2012<\/a><\/div>\n<h4 class=\"pt-cv-title\"><a href=\"https:\/\/www.dmsjuridica.com\/buscador_20179478954\/corteconstitucionalcronologico202454587\/t-798-12\/\" class=\"_self\" target=\"_self\" >T-798-12<\/a><\/h4>\n<div class=\"pt-cv-content\">\u00a0 \u00a0 Sentencia T-798\/12 \u00a0 EXPECTATIVA LEGITIMA EN REGIMEN DE TRANSICION EN PENSIONES-Protecci\u00f3n \u00a0 La Corte precis\u00f3 que los reg\u00edmenes de transici\u00f3n se establecen con el fin de mitigar el impacto que puede tener un tr\u00e1nsito legislativo de normas que establecen los requisitos para obtener un derecho social, econ\u00f3mico o cultural, en personas que aunque no ten\u00edan un derecho consolidado en vigencia del r\u00e9gimen anterior, s\u00ed ten\u00edan una expectativa leg\u00edtima de adquirir ese derecho, \u201cpor estar pr\u00f3ximos a cumplir los requisitos para pensionares en el momento del tr\u00e1nsito legislativo.\u201d \u00a0 PENSION DE VEJEZ-Caso en que el ISS niega reconocimiento y ...<br \/><div class=\"pt-cv-rmwrap\"><a href=\"https:\/\/www.dmsjuridica.com\/buscador_20179478954\/corteconstitucionalcronologico202454587\/t-798-12\/\" class=\"_self pt-cv-readmore btn btn-success\" target=\"_self\">Ver Sentencia Completa...<\/a><\/div><\/div><\/div><\/div>\n<div class=\"col-md-12 col-sm-12 col-xs-12 pt-cv-content-item pt-cv-1-col\" ><div class='pt-cv-ifield'><a href=\"https:\/\/www.dmsjuridica.com\/buscador_20179478954\/corteconstitucionalcronologico202454587\/t-797-12\/\" class=\"_self pt-cv-href-thumbnail pt-cv-thumb-default\" target=\"_self\" ><\/a>\n<div class=\"pt-cv-taxoterm above_title\"><a href='https:\/\/www.dmsjuridica.com\/buscador_20179478954\/corteconstitucionalcronologico202454587\/category\/buscar-en-toda-la-corte\/2012\/tutelas-2012\/' title='Tutelas 2012' class='pt-cv-tax-tutelas-2012'>Tutelas 2012<\/a><\/div>\n<h4 class=\"pt-cv-title\"><a href=\"https:\/\/www.dmsjuridica.com\/buscador_20179478954\/corteconstitucionalcronologico202454587\/t-797-12\/\" class=\"_self\" target=\"_self\" >T-797-12<\/a><\/h4>\n<div class=\"pt-cv-content\">\u00a0 \u00a0 Sentencia T-797\/12 \u00a0 PROCESO POLICIVO-Caso en que decisiones policivas niegan la prescripci\u00f3n de una orden de desalojo puesto que hab\u00edan pasado m\u00e1s de cinco (5) a\u00f1os sin que se hubiera hecho efectiva\u00a0 \u00a0 ACCION DE TUTELA CONTRA ACTUACIONES DE AUTORIDADES DE POLICIA EN EL CURSO DE UN PROCESO POLICIVO-Requisitos generales y especiales de procedencia \u00a0 Las actuaciones de los inspectores de polic\u00eda, como las de toda autoridad p\u00fablica, pueden eventualmente ser controvertidas por v\u00eda de tutela, cuando de sus decisiones se derive una eventual afectaci\u00f3n de un derecho fundamental, y no exista otro mecanismo de defensa judicial; en ...<br \/><div class=\"pt-cv-rmwrap\"><a href=\"https:\/\/www.dmsjuridica.com\/buscador_20179478954\/corteconstitucionalcronologico202454587\/t-797-12\/\" class=\"_self pt-cv-readmore btn btn-success\" target=\"_self\">Ver Sentencia Completa...<\/a><\/div><\/div><\/div><\/div>\n<div class=\"col-md-12 col-sm-12 col-xs-12 pt-cv-content-item pt-cv-1-col\" ><div class='pt-cv-ifield'><a href=\"https:\/\/www.dmsjuridica.com\/buscador_20179478954\/corteconstitucionalcronologico202454587\/t-796-12\/\" class=\"_self pt-cv-href-thumbnail pt-cv-thumb-default\" target=\"_self\" ><\/a>\n<div class=\"pt-cv-taxoterm above_title\"><a href='https:\/\/www.dmsjuridica.com\/buscador_20179478954\/corteconstitucionalcronologico202454587\/category\/buscar-en-toda-la-corte\/2012\/tutelas-2012\/' title='Tutelas 2012' class='pt-cv-tax-tutelas-2012'>Tutelas 2012<\/a><\/div>\n<h4 class=\"pt-cv-title\"><a href=\"https:\/\/www.dmsjuridica.com\/buscador_20179478954\/corteconstitucionalcronologico202454587\/t-796-12\/\" class=\"_self\" target=\"_self\" >T-796-12<\/a><\/h4>\n<div class=\"pt-cv-content\">\u00a0 \u00a0 Sentencia T-796\/12 \u00a0 LEGITIMACION POR ACTIVA EN TUTELA Y AGENCIA OFICIOSA-Reiteraci\u00f3n de jurisprudencia\/AGENCIA OFICIOSA EN TUTELA-Procedencia por cuanto debido a la dependencia a sustancias psicoactivas est\u00e1n imposibilitados para acudir personalmente a promover la acci\u00f3n de tutela\u00a0 \u00a0 DERECHO FUNDAMENTAL A LA SALUD DE PERSONAS QUE SUFREN TRASTORNOS MENTALES DERIVADOS DEL CONSUMO ADICTIVO DE SUSTANCIAS PSICOACTIVAS, LICITAS E ILICITAS-Reiteraci\u00f3n de jurisprudencia \u00a0 Todas las entidades prestadoras de salud, del r\u00e9gimen contributivo y subsidiado, tienen la obligaci\u00f3n de brindar a sus afiliados que padecen trastornos mentales derivados del consumo, abuso o adicci\u00f3n a sustancias psicoactivas l\u00edcitas o il\u00edcitas, los servicios ...<br \/><div class=\"pt-cv-rmwrap\"><a href=\"https:\/\/www.dmsjuridica.com\/buscador_20179478954\/corteconstitucionalcronologico202454587\/t-796-12\/\" class=\"_self pt-cv-readmore btn btn-success\" target=\"_self\">Ver Sentencia Completa...<\/a><\/div><\/div><\/div><\/div>\n<div class=\"col-md-12 col-sm-12 col-xs-12 pt-cv-content-item pt-cv-1-col\" ><div class='pt-cv-ifield'><a href=\"https:\/\/www.dmsjuridica.com\/buscador_20179478954\/corteconstitucionalcronologico202454587\/t-795-12\/\" class=\"_self pt-cv-href-thumbnail pt-cv-thumb-default\" target=\"_self\" ><\/a>\n<div class=\"pt-cv-taxoterm above_title\"><a href='https:\/\/www.dmsjuridica.com\/buscador_20179478954\/corteconstitucionalcronologico202454587\/category\/buscar-en-toda-la-corte\/2012\/tutelas-2012\/' title='Tutelas 2012' class='pt-cv-tax-tutelas-2012'>Tutelas 2012<\/a><\/div>\n<h4 class=\"pt-cv-title\"><a href=\"https:\/\/www.dmsjuridica.com\/buscador_20179478954\/corteconstitucionalcronologico202454587\/t-795-12\/\" class=\"_self\" target=\"_self\" >T-795-12<\/a><\/h4>\n<div class=\"pt-cv-content\">\u00a0 \u00a0 Sentencia T-795\/12 \u00a0 MINIMO VITAL Y VIDA DIGNA-Caso en que Ej\u00e9rcito suspende el pago de los haberes de suboficial desaparecido, compa\u00f1ero permanente de mujer cabeza de familia y padre de 3 menores\u00a0 \u00a0 PRINCIPIO DE SUBSIDIARIEDAD DE LA ACCION DE TUTELA-Procedencia excepcional como mecanismo transitorio para evitar un perjuicio irremediable \u00a0 Seg\u00fan el art\u00edculo 86 de la Constituci\u00f3n Pol\u00edtica, y el art\u00edculo 6\u00ba del Decreto 2591 de 1991, la acci\u00f3n de tutela procede como mecanismo de protecci\u00f3n de los derechos fundamentales cuando (i) no existen otros medios de defensa judicial; (ii) o cuando existan tales medios pero no ...<br \/><div class=\"pt-cv-rmwrap\"><a href=\"https:\/\/www.dmsjuridica.com\/buscador_20179478954\/corteconstitucionalcronologico202454587\/t-795-12\/\" class=\"_self pt-cv-readmore btn btn-success\" target=\"_self\">Ver Sentencia Completa...<\/a><\/div><\/div><\/div><\/div>\n<div class=\"col-md-12 col-sm-12 col-xs-12 pt-cv-content-item pt-cv-1-col\" ><div class='pt-cv-ifield'><a href=\"https:\/\/www.dmsjuridica.com\/buscador_20179478954\/corteconstitucionalcronologico202454587\/t-794-12\/\" class=\"_self pt-cv-href-thumbnail pt-cv-thumb-default\" target=\"_self\" ><\/a>\n<div class=\"pt-cv-taxoterm above_title\"><a href='https:\/\/www.dmsjuridica.com\/buscador_20179478954\/corteconstitucionalcronologico202454587\/category\/buscar-en-toda-la-corte\/2012\/tutelas-2012\/' title='Tutelas 2012' class='pt-cv-tax-tutelas-2012'>Tutelas 2012<\/a><\/div>\n<h4 class=\"pt-cv-title\"><a href=\"https:\/\/www.dmsjuridica.com\/buscador_20179478954\/corteconstitucionalcronologico202454587\/t-794-12\/\" class=\"_self\" target=\"_self\" >T-794-12<\/a><\/h4>\n<div class=\"pt-cv-content\">\u00a0 \u00a0 Sentencia T-794\/12 \u00a0 ACCION DE TUTELA CONTRA PROVIDENCIAS JUDICIALES-Requisitos generales y especiales de procedibilidad\u00a0 \u00a0 La jurisprudencia constitucional ha sido pac\u00edfica al sostener que las providencias judiciales, en determinadas condiciones, pueden ser cuestionados mediante tutela si violan derechos fundamentales. Actualmente se acepta que la tutela contra providencias judiciales est\u00e1 llamada a prosperar siempre y cuando satisfaga todo un haz de condiciones. En primer lugar, la acci\u00f3n de tutela debe cumplir con unos requisitos de procedibilidad \u2013o de procedibilidad general-, que le permitan al juez evaluar el fondo del asunto. S\u00f3lo despu\u00e9s de superados los requisitos \u2013generales- de\u00a0procedibilidad, el ...<br \/><div class=\"pt-cv-rmwrap\"><a href=\"https:\/\/www.dmsjuridica.com\/buscador_20179478954\/corteconstitucionalcronologico202454587\/t-794-12\/\" class=\"_self pt-cv-readmore btn btn-success\" target=\"_self\">Ver Sentencia Completa...<\/a><\/div><\/div><\/div><\/div>\n<div class=\"col-md-12 col-sm-12 col-xs-12 pt-cv-content-item pt-cv-1-col\" ><div class='pt-cv-ifield'><a href=\"https:\/\/www.dmsjuridica.com\/buscador_20179478954\/corteconstitucionalcronologico202454587\/t-793-12\/\" class=\"_self pt-cv-href-thumbnail pt-cv-thumb-default\" target=\"_self\" ><\/a>\n<div class=\"pt-cv-taxoterm above_title\"><a href='https:\/\/www.dmsjuridica.com\/buscador_20179478954\/corteconstitucionalcronologico202454587\/category\/buscar-en-toda-la-corte\/2012\/tutelas-2012\/' title='Tutelas 2012' class='pt-cv-tax-tutelas-2012'>Tutelas 2012<\/a><\/div>\n<h4 class=\"pt-cv-title\"><a href=\"https:\/\/www.dmsjuridica.com\/buscador_20179478954\/corteconstitucionalcronologico202454587\/t-793-12\/\" class=\"_self\" target=\"_self\" >T-793-12<\/a><\/h4>\n<div class=\"pt-cv-content\">\u00a0 \u00a0 Sentencia T-793\/12 \u00a0 SERVICIOS PUBLICOS DOMICILIARIOS-Caso en que empresa de energ\u00eda el\u00e9ctrica suspende el servicio a usuarios alegando que se encontraban en mora sin tener en cuenta que hab\u00eda sujetos de especial protecci\u00f3n\u00a0 \u00a0 EMPRESAS PRESTADORAS DE SERVICIOS PUBLICOS DOMICILIARIOS-Respeto al debido proceso como garant\u00eda indispensable para la adopci\u00f3n de decisiones relacionadas con la suspensi\u00f3n o la continuidad en la prestaci\u00f3n de los servicios \u00a0 Las actuaciones de las empresas de servicios p\u00fablicos domiciliarios, cuando implican la suspensi\u00f3n, el corte o la terminaci\u00f3n de la prestaci\u00f3n de dichos servicios, se componen de actos administrativos, raz\u00f3n por la cual ...<br \/><div class=\"pt-cv-rmwrap\"><a href=\"https:\/\/www.dmsjuridica.com\/buscador_20179478954\/corteconstitucionalcronologico202454587\/t-793-12\/\" class=\"_self pt-cv-readmore btn btn-success\" target=\"_self\">Ver Sentencia Completa...<\/a><\/div><\/div><\/div><\/div>\n<div class=\"col-md-12 col-sm-12 col-xs-12 pt-cv-content-item pt-cv-1-col\" ><div class='pt-cv-ifield'><a href=\"https:\/\/www.dmsjuridica.com\/buscador_20179478954\/corteconstitucionalcronologico202454587\/t-792-12\/\" class=\"_self pt-cv-href-thumbnail pt-cv-thumb-default\" target=\"_self\" ><\/a>\n<div class=\"pt-cv-taxoterm above_title\"><a href='https:\/\/www.dmsjuridica.com\/buscador_20179478954\/corteconstitucionalcronologico202454587\/category\/buscar-en-toda-la-corte\/2012\/tutelas-2012\/' title='Tutelas 2012' class='pt-cv-tax-tutelas-2012'>Tutelas 2012<\/a><\/div>\n<h4 class=\"pt-cv-title\"><a href=\"https:\/\/www.dmsjuridica.com\/buscador_20179478954\/corteconstitucionalcronologico202454587\/t-792-12\/\" class=\"_self\" target=\"_self\" >T-792-12<\/a><\/h4>\n<div class=\"pt-cv-content\">\u00a0 \u00a0 Sentencia T-792\/12 \u00a0 EXCEPCION ETNOCULTURAL PARA EL SERVICIO MILITAR OBLIGATORIO-Aspectos que deben respetarse en la relaci\u00f3n entre Ej\u00e9rcito y las comunidades ind\u00edgenas \u00a0 El literal b) del art\u00edculo 27 de la Ley 48 de 1993 establece que \u201clos ind\u00edgenas que residan en su territorio y conserven su integridad cultural, social y econ\u00f3mica\u201d est\u00e1n exentos en todo tiempo de prestar servicio militar. Desde sus primeras sentencias, la Corte ha sido consistente en se\u00f1alar que esta norma contempla una prerrogativa constitucionalmente v\u00e1lida, puesto que se trata de una forma de reconocimiento y protecci\u00f3n de la diversidad \u00e9tnica y cultural de ...<br \/><div class=\"pt-cv-rmwrap\"><a href=\"https:\/\/www.dmsjuridica.com\/buscador_20179478954\/corteconstitucionalcronologico202454587\/t-792-12\/\" class=\"_self pt-cv-readmore btn btn-success\" target=\"_self\">Ver Sentencia Completa...<\/a><\/div><\/div><\/div><\/div>\n<div class=\"col-md-12 col-sm-12 col-xs-12 pt-cv-content-item pt-cv-1-col\" ><div class='pt-cv-ifield'><a href=\"https:\/\/www.dmsjuridica.com\/buscador_20179478954\/corteconstitucionalcronologico202454587\/t-791-12\/\" class=\"_self pt-cv-href-thumbnail pt-cv-thumb-default\" target=\"_self\" ><\/a>\n<div class=\"pt-cv-taxoterm above_title\"><a href='https:\/\/www.dmsjuridica.com\/buscador_20179478954\/corteconstitucionalcronologico202454587\/category\/buscar-en-toda-la-corte\/2012\/tutelas-2012\/' title='Tutelas 2012' class='pt-cv-tax-tutelas-2012'>Tutelas 2012<\/a><\/div>\n<h4 class=\"pt-cv-title\"><a href=\"https:\/\/www.dmsjuridica.com\/buscador_20179478954\/corteconstitucionalcronologico202454587\/t-791-12\/\" class=\"_self\" target=\"_self\" >T-791-12<\/a><\/h4>\n<div class=\"pt-cv-content\">\u00a0 \u00a0 Sentencia T-791\/12 \u00a0 PROTECCION DEL DERECHO A LA SALUD POR ACCION DE TUTELA-Reiteraci\u00f3n de jurisprudencia \u00a0 GARANTIA DE PRESTACIONES INCLUIDAS EN LOS PLANES OBLIGATORIOS DE SALUD Y FACULTADES JURISDICCIONALES A LA SUPERINTENDENCIA NACIONAL DE SALUD-Art 41 Ley 1122\/07 \u00a0 Respecto de la garant\u00eda de prestaciones incluidas en los planes, cabe se\u00f1alar que recientemente el legislador (Ley 1122\/07 art. 41) confiri\u00f3 a la Superintendencia Nacional de Salud facultades jurisdiccionales para adelantar procedimientos, con las facultades propias de un juez, que resuelvan mediante fallo en derecho, algunas controversias entre las entidades promotoras en salud (o entidades que se les asimilen) ...<br \/><div class=\"pt-cv-rmwrap\"><a href=\"https:\/\/www.dmsjuridica.com\/buscador_20179478954\/corteconstitucionalcronologico202454587\/t-791-12\/\" class=\"_self pt-cv-readmore btn btn-success\" target=\"_self\">Ver Sentencia Completa...<\/a><\/div><\/div><\/div><\/div>\n<div class=\"col-md-12 col-sm-12 col-xs-12 pt-cv-content-item pt-cv-1-col\" ><div class='pt-cv-ifield'><a href=\"https:\/\/www.dmsjuridica.com\/buscador_20179478954\/corteconstitucionalcronologico202454587\/t-790-12\/\" class=\"_self pt-cv-href-thumbnail pt-cv-thumb-default\" target=\"_self\" ><\/a>\n<div class=\"pt-cv-taxoterm above_title\"><a href='https:\/\/www.dmsjuridica.com\/buscador_20179478954\/corteconstitucionalcronologico202454587\/category\/buscar-en-toda-la-corte\/2012\/tutelas-2012\/' title='Tutelas 2012' class='pt-cv-tax-tutelas-2012'>Tutelas 2012<\/a><\/div>\n<h4 class=\"pt-cv-title\"><a href=\"https:\/\/www.dmsjuridica.com\/buscador_20179478954\/corteconstitucionalcronologico202454587\/t-790-12\/\" class=\"_self\" target=\"_self\" >T-790-12<\/a><\/h4>\n<div class=\"pt-cv-content\">\u00a0 \u00a0 Sentencia T-790\/12 \u00a0 LEGITIMACION PARA ACTUAR COMO AGENTE OFICIOSO O REPRESENTANTE-Reiteraci\u00f3n de jurisprudencia \u00a0 DERECHO AL DISFRUTE DEL MAS ALTO NIVEL POSIBLE DE SALUD QUE PERMITA VIVIR DIGNAMENTE-Reiteraci\u00f3n de jurisprudencia \u00a0 SUMINISTRO DE INSUMOS, MEDICAMENTOS Y SERVICIOS NO INCLUIDOS EN POS-Reiteraci\u00f3n de jurisprudencia \u00a0 PRINCIPIO DE INTEGRALIDAD EN LA PRESTACION DEL SERVICIO DE SALUD-Reiteraci\u00f3n de jurisprudencia \u00a0 El reconocimiento de la prestaci\u00f3n integral del servicio de salud debe ir acompa\u00f1ada de indicaciones precisas que hagan determinable la orden del juez de tutela, la cual bajo ning\u00fan supuesto puede recaer sobre cosas futuras. En concreto, este Tribunal ha entendido ...<br \/><div class=\"pt-cv-rmwrap\"><a href=\"https:\/\/www.dmsjuridica.com\/buscador_20179478954\/corteconstitucionalcronologico202454587\/t-790-12\/\" class=\"_self pt-cv-readmore btn btn-success\" target=\"_self\">Ver Sentencia Completa...<\/a><\/div><\/div><\/div><\/div>\n<div class=\"col-md-12 col-sm-12 col-xs-12 pt-cv-content-item pt-cv-1-col\" ><div class='pt-cv-ifield'><a href=\"https:\/\/www.dmsjuridica.com\/buscador_20179478954\/corteconstitucionalcronologico202454587\/t-789-12\/\" class=\"_self pt-cv-href-thumbnail pt-cv-thumb-default\" target=\"_self\" ><\/a>\n<div class=\"pt-cv-taxoterm above_title\"><a href='https:\/\/www.dmsjuridica.com\/buscador_20179478954\/corteconstitucionalcronologico202454587\/category\/buscar-en-toda-la-corte\/2012\/tutelas-2012\/' title='Tutelas 2012' class='pt-cv-tax-tutelas-2012'>Tutelas 2012<\/a><\/div>\n<h4 class=\"pt-cv-title\"><a href=\"https:\/\/www.dmsjuridica.com\/buscador_20179478954\/corteconstitucionalcronologico202454587\/t-789-12\/\" class=\"_self\" target=\"_self\" >T-789-12<\/a><\/h4>\n<div class=\"pt-cv-content\">\u00a0 \u00a0 Sentencia T-789\/12 \u00a0 PRINCIPIO DE INMEDIATEZ DE LA ACCION DE TUTELA-T\u00e9rmino razonable y prudencial \u00a0 PRINCIPIO DE SUBSIDIARIEDAD COMO REQUISITO DE PROCEDIBILIDAD DE LA ACCION DE TUTELA \u00a0 ACCION DE TUTELA CONTRA ACTOS ADMINISTRATIVOS DE CARACTER PARTICULAR Y CONCRETO-Procedencia excepcional\/ACCION DE TUTELA CONTRA ACTOS ADMINISTRATIVOS DE CARACTER PARTICULAR Y CONCRETO-Juez constitucional debe ponderar en cada caso en particular el cumplimiento de los requisitos para que proceda \u00a0 La Corte Constitucional ha sido enf\u00e1tica al se\u00f1alar que la acci\u00f3n de tutela es improcedente para controvertir actos administrativos de car\u00e1cter particular, por cuanto existe en el ordenamiento jur\u00eddico la acci\u00f3n ...<br \/><div class=\"pt-cv-rmwrap\"><a href=\"https:\/\/www.dmsjuridica.com\/buscador_20179478954\/corteconstitucionalcronologico202454587\/t-789-12\/\" class=\"_self pt-cv-readmore btn btn-success\" target=\"_self\">Ver Sentencia Completa...<\/a><\/div><\/div><\/div><\/div>\n<div class=\"col-md-12 col-sm-12 col-xs-12 pt-cv-content-item pt-cv-1-col\" ><div class='pt-cv-ifield'><a href=\"https:\/\/www.dmsjuridica.com\/buscador_20179478954\/corteconstitucionalcronologico202454587\/t-788-12\/\" class=\"_self pt-cv-href-thumbnail pt-cv-thumb-default\" target=\"_self\" ><\/a>\n<div class=\"pt-cv-taxoterm above_title\"><a href='https:\/\/www.dmsjuridica.com\/buscador_20179478954\/corteconstitucionalcronologico202454587\/category\/buscar-en-toda-la-corte\/2012\/tutelas-2012\/' title='Tutelas 2012' class='pt-cv-tax-tutelas-2012'>Tutelas 2012<\/a><\/div>\n<h4 class=\"pt-cv-title\"><a href=\"https:\/\/www.dmsjuridica.com\/buscador_20179478954\/corteconstitucionalcronologico202454587\/t-788-12\/\" class=\"_self\" target=\"_self\" >T-788-12<\/a><\/h4>\n<div class=\"pt-cv-content\">\u00a0 \u00a0 Sentencia T-788\/12 \u00a0 ACCION DE TUTELA CONTRA ACTO ADMINISTRATIVO-Procedencia excepcional \u00a0 Por regla general, la acci\u00f3n de tutela es improcedente como medio principal de defensa para buscar la protecci\u00f3n de derechos fundamentales cuya afectaci\u00f3n se genera por la expedici\u00f3n de actos administrativos, como quiera que existen otros medios de defensa para su defensa; procede la acci\u00f3n de tutela como mecanismo transitorio contra actuaciones administrativas cuando se pretende evitar la configuraci\u00f3n de un perjuicio irreparable y, \u00fanicamente en esta \u00faltima circunstancia, el juez de tutela est\u00e1 autorizado para suspender la aplicaci\u00f3n del acto administrativo y ordenar que el mismo ...<br \/><div class=\"pt-cv-rmwrap\"><a href=\"https:\/\/www.dmsjuridica.com\/buscador_20179478954\/corteconstitucionalcronologico202454587\/t-788-12\/\" class=\"_self pt-cv-readmore btn btn-success\" target=\"_self\">Ver Sentencia Completa...<\/a><\/div><\/div><\/div><\/div>\n<div class=\"col-md-12 col-sm-12 col-xs-12 pt-cv-content-item pt-cv-1-col\" ><div class='pt-cv-ifield'><a href=\"https:\/\/www.dmsjuridica.com\/buscador_20179478954\/corteconstitucionalcronologico202454587\/t-780-12\/\" class=\"_self pt-cv-href-thumbnail pt-cv-thumb-default\" target=\"_self\" ><\/a>\n<div class=\"pt-cv-taxoterm above_title\"><a href='https:\/\/www.dmsjuridica.com\/buscador_20179478954\/corteconstitucionalcronologico202454587\/category\/buscar-en-toda-la-corte\/2012\/tutelas-2012\/' title='Tutelas 2012' class='pt-cv-tax-tutelas-2012'>Tutelas 2012<\/a><\/div>\n<h4 class=\"pt-cv-title\"><a href=\"https:\/\/www.dmsjuridica.com\/buscador_20179478954\/corteconstitucionalcronologico202454587\/t-780-12\/\" class=\"_self\" target=\"_self\" >T-780-12<\/a><\/h4>\n<div class=\"pt-cv-content\">\u00a0 \u00a0 Sentencia T-780\/12 \u00a0 DERECHO A LA SALUD-Fundamental con referencia la salud ps\u00edquica \u00a0 La Corte ha entendido que el derecho fundamental a la salud est\u00e1 conformado por varios componentes, dentro de los cuales est\u00e1 la salud mental. Al respecto, ha considerado que la afectaci\u00f3n a la salud mental y psicol\u00f3gica de una persona, no compromete solamente el disfrute de sus derechos fundamentales, sino que tiene un impacto directo en la sociedad en general y en su familia.\u00a0 \u00a0 DERECHO A LA SALUD-Exigibilidad de medicamentos, procedimientos y servicios no incluidos en el POS \u00a0 DERECHO A LA SALUD-Protecci\u00f3n constitucional ...<br \/><div class=\"pt-cv-rmwrap\"><a href=\"https:\/\/www.dmsjuridica.com\/buscador_20179478954\/corteconstitucionalcronologico202454587\/t-780-12\/\" class=\"_self pt-cv-readmore btn btn-success\" target=\"_self\">Ver Sentencia Completa...<\/a><\/div><\/div><\/div><\/div>\n<div class=\"col-md-12 col-sm-12 col-xs-12 pt-cv-content-item pt-cv-1-col\" ><div class='pt-cv-ifield'><a href=\"https:\/\/www.dmsjuridica.com\/buscador_20179478954\/corteconstitucionalcronologico202454587\/t-779-12\/\" class=\"_self pt-cv-href-thumbnail pt-cv-thumb-default\" target=\"_self\" ><\/a>\n<div class=\"pt-cv-taxoterm above_title\"><a href='https:\/\/www.dmsjuridica.com\/buscador_20179478954\/corteconstitucionalcronologico202454587\/category\/buscar-en-toda-la-corte\/2012\/tutelas-2012\/' title='Tutelas 2012' class='pt-cv-tax-tutelas-2012'>Tutelas 2012<\/a><\/div>\n<h4 class=\"pt-cv-title\"><a href=\"https:\/\/www.dmsjuridica.com\/buscador_20179478954\/corteconstitucionalcronologico202454587\/t-779-12\/\" class=\"_self\" target=\"_self\" >T-779-12<\/a><\/h4>\n<div class=\"pt-cv-content\">\u00a0 \u00a0 Sentencia 779\/12 \u00a0 CARENCIA ACTUAL DE OBJETO POR HECHO SUPERADO-Caso en que el demandante es una persona de la tercera edad que solicitaba el reconocimiento de las sustituciones de las pensiones ordinaria y gracia, que su esposa hab\u00eda realizado en vida \u00a0 DERECHO AL MINIMO VITAL, VIDA DIGNA, SALUD Y SEGURIDAD SOCIAL \u00a0 Referencia: expediente T-3.531.870 \u00a0 Acci\u00f3n de tutela promovida por Jos\u00e9 Dumar Sotelo Salazar contra Cajanal y Otros. \u00a0 Magistrado Ponente: \u00a0 LUIS ERNESTO VARGAS SILVA \u00a0 Bogot\u00e1 D.C. nueve (9) de octubre de dos mil doce (2012). \u00a0 La Sala Novena de Revisi\u00f3n de la ...<br \/><div class=\"pt-cv-rmwrap\"><a href=\"https:\/\/www.dmsjuridica.com\/buscador_20179478954\/corteconstitucionalcronologico202454587\/t-779-12\/\" class=\"_self pt-cv-readmore btn btn-success\" target=\"_self\">Ver Sentencia Completa...<\/a><\/div><\/div><\/div><\/div>\n<div class=\"col-md-12 col-sm-12 col-xs-12 pt-cv-content-item pt-cv-1-col\" ><div class='pt-cv-ifield'><a href=\"https:\/\/www.dmsjuridica.com\/buscador_20179478954\/corteconstitucionalcronologico202454587\/t-778-12\/\" class=\"_self pt-cv-href-thumbnail pt-cv-thumb-default\" target=\"_self\" ><\/a>\n<div class=\"pt-cv-taxoterm above_title\"><a href='https:\/\/www.dmsjuridica.com\/buscador_20179478954\/corteconstitucionalcronologico202454587\/category\/buscar-en-toda-la-corte\/2012\/tutelas-2012\/' title='Tutelas 2012' class='pt-cv-tax-tutelas-2012'>Tutelas 2012<\/a><\/div>\n<h4 class=\"pt-cv-title\"><a href=\"https:\/\/www.dmsjuridica.com\/buscador_20179478954\/corteconstitucionalcronologico202454587\/t-778-12\/\" class=\"_self\" target=\"_self\" >T-778-12<\/a><\/h4>\n<div class=\"pt-cv-content\">\u00a0 \u00a0 Sentencia T-778\/12 \u00a0 ACCION DE TUTELA FRENTE A MEDIO DE DEFENSA JUDICIAL-Procedencia excepcional como mecanismo transitorio para evitar un perjuicio irremediable \u00a0 La acci\u00f3n de tutela no puede emplearse para reabrir una oportunidad procesal precluida porque no se interpusieron los recursos o revivir un proceso que ha sido concluido. Esto, sin perjuicio de que se intente la acci\u00f3n de tutela contra providencias judiciales con el cumplimiento de los requisitos previstos por la jurisprudencia constitucional para tales eventos. \u00a0 RESOLUCION O ACTO ADMINISTRATIVO DE CARACTER PERSONAL QUE ORDENA TRASLADO DE SERVIDOR PUBLICO-Competencia de jurisdicci\u00f3n contencioso administrativa a trav\u00e9s de ...<br \/><div class=\"pt-cv-rmwrap\"><a href=\"https:\/\/www.dmsjuridica.com\/buscador_20179478954\/corteconstitucionalcronologico202454587\/t-778-12\/\" class=\"_self pt-cv-readmore btn btn-success\" target=\"_self\">Ver Sentencia Completa...<\/a><\/div><\/div><\/div><\/div>\n<div class=\"col-md-12 col-sm-12 col-xs-12 pt-cv-content-item pt-cv-1-col\" ><div class='pt-cv-ifield'><a href=\"https:\/\/www.dmsjuridica.com\/buscador_20179478954\/corteconstitucionalcronologico202454587\/t-777-12\/\" class=\"_self pt-cv-href-thumbnail pt-cv-thumb-default\" target=\"_self\" ><\/a>\n<div class=\"pt-cv-taxoterm above_title\"><a href='https:\/\/www.dmsjuridica.com\/buscador_20179478954\/corteconstitucionalcronologico202454587\/category\/buscar-en-toda-la-corte\/2012\/tutelas-2012\/' title='Tutelas 2012' class='pt-cv-tax-tutelas-2012'>Tutelas 2012<\/a><\/div>\n<h4 class=\"pt-cv-title\"><a href=\"https:\/\/www.dmsjuridica.com\/buscador_20179478954\/corteconstitucionalcronologico202454587\/t-777-12\/\" class=\"_self\" target=\"_self\" >T-777-12<\/a><\/h4>\n<div class=\"pt-cv-content\">\u00a0 \u00a0 Sentencia T-777\/12\u00a0 \u00a0 ACCION DE TUTELA COMO MECANISMO PARA CONTROVERTIR DECISIONES DE LA ADMINISTRACION PUBLICA REFERENTES A TRASLADOS-Reiteraci\u00f3n de jurisprudencia \u00a0 La acci\u00f3n de tutela, debido a su car\u00e1cter subsidiario, no es procedente en principio, para controvertir los actos administrativos que deciden traslados laborales de servidores p\u00fablicos. Sin embargo, en aras de garantizar la eficacia de los derechos fundamentales, se debe considerar que cuando los mecanismos judiciales para alegar dichos traslados, siendo id\u00f3neos, no resulten eficaces para la protecci\u00f3n de los derechos constitucionales, la acci\u00f3n de tutela procede como mecanismo transitorio, con el fin de salvaguardar los derechos ...<br \/><div class=\"pt-cv-rmwrap\"><a href=\"https:\/\/www.dmsjuridica.com\/buscador_20179478954\/corteconstitucionalcronologico202454587\/t-777-12\/\" class=\"_self pt-cv-readmore btn btn-success\" target=\"_self\">Ver Sentencia Completa...<\/a><\/div><\/div><\/div><\/div>\n<div class=\"col-md-12 col-sm-12 col-xs-12 pt-cv-content-item pt-cv-1-col\" ><div class='pt-cv-ifield'><a href=\"https:\/\/www.dmsjuridica.com\/buscador_20179478954\/corteconstitucionalcronologico202454587\/t-776-12\/\" class=\"_self pt-cv-href-thumbnail pt-cv-thumb-default\" target=\"_self\" ><\/a>\n<div class=\"pt-cv-taxoterm above_title\"><a href='https:\/\/www.dmsjuridica.com\/buscador_20179478954\/corteconstitucionalcronologico202454587\/category\/buscar-en-toda-la-corte\/2012\/tutelas-2012\/' title='Tutelas 2012' class='pt-cv-tax-tutelas-2012'>Tutelas 2012<\/a><\/div>\n<h4 class=\"pt-cv-title\"><a href=\"https:\/\/www.dmsjuridica.com\/buscador_20179478954\/corteconstitucionalcronologico202454587\/t-776-12\/\" class=\"_self\" target=\"_self\" >T-776-12<\/a><\/h4>\n<div class=\"pt-cv-content\">\u00a0 \u00a0 Sentencia T-776\/12 \u00a0 ACCION DE TUTELA PARA LA PROTECCION DE LOS DERECHOS FUNDAMENTALES DE LA POBLACION DESPLAZADA-Procedencia \u00a0 Cuando se trata de la protecci\u00f3n de los derechos de la poblaci\u00f3n que ha sido desplazada por la violencia, este Tribunal ha instituido que la acci\u00f3n de tutela es el instrumento m\u00e1s id\u00f3neo y eficaz de defensa judicial. Lo anterior, en raz\u00f3n a que las personas que son v\u00edctimas del desplazamiento forzado requieren una especial protecci\u00f3n constitucional, dadas sus condiciones de vulnerabilidad y por la violaci\u00f3n masiva y continuada de sus derechos fundamentales.\u00a0 \u00a0 DERECHO FUNDAMENTAL A LA VIVIENDA DIGNA ...<br \/><div class=\"pt-cv-rmwrap\"><a href=\"https:\/\/www.dmsjuridica.com\/buscador_20179478954\/corteconstitucionalcronologico202454587\/t-776-12\/\" class=\"_self pt-cv-readmore btn btn-success\" target=\"_self\">Ver Sentencia Completa...<\/a><\/div><\/div><\/div><\/div>\n<div class=\"col-md-12 col-sm-12 col-xs-12 pt-cv-content-item pt-cv-1-col\" ><div class='pt-cv-ifield'><a href=\"https:\/\/www.dmsjuridica.com\/buscador_20179478954\/corteconstitucionalcronologico202454587\/t-775-12\/\" class=\"_self pt-cv-href-thumbnail pt-cv-thumb-default\" target=\"_self\" ><\/a>\n<div class=\"pt-cv-taxoterm above_title\"><a href='https:\/\/www.dmsjuridica.com\/buscador_20179478954\/corteconstitucionalcronologico202454587\/category\/buscar-en-toda-la-corte\/2012\/tutelas-2012\/' title='Tutelas 2012' class='pt-cv-tax-tutelas-2012'>Tutelas 2012<\/a><\/div>\n<h4 class=\"pt-cv-title\"><a href=\"https:\/\/www.dmsjuridica.com\/buscador_20179478954\/corteconstitucionalcronologico202454587\/t-775-12\/\" class=\"_self\" target=\"_self\" >T-775-12<\/a><\/h4>\n<div class=\"pt-cv-content\">\u00a0 \u00a0 Sentencia T-775\/12 \u00a0 ACCION DE TUTELA CONTRA EPS-Declarar la carencia actual de objeto por hecho superado \u00a0 CARENCIA ACTUAL DE OBJETO POR HECHO SUPERADO-Caso en que el servicio de salud se presta de manera continua y en las condiciones anteriores a la interposici\u00f3n de la tutela \u00a0 Referencia: expediente T- 3495085 \u00a0 \u00a0 \u00a0 \u00a0 \u00a0 \u00a0 Acci\u00f3n de tutela instaurada por Sandra Margarita Reyes Rodr\u00edguez y Bryan Armando Sep\u00falveda contra la EPS Sanitas.\u00a0 \u00a0 Magistrado Ponente:\u00a0 \u00a0 LUIS ERNESTO VARGAS SILVA \u00a0 Bogot\u00e1, DC., nueve (9) de octubre de dos mil doce (2012) \u00a0 La Sala Novena ...<br \/><div class=\"pt-cv-rmwrap\"><a href=\"https:\/\/www.dmsjuridica.com\/buscador_20179478954\/corteconstitucionalcronologico202454587\/t-775-12\/\" class=\"_self pt-cv-readmore btn btn-success\" target=\"_self\">Ver Sentencia Completa...<\/a><\/div><\/div><\/div><\/div>\n<div class=\"col-md-12 col-sm-12 col-xs-12 pt-cv-content-item pt-cv-1-col\" ><div class='pt-cv-ifield'><a href=\"https:\/\/www.dmsjuridica.com\/buscador_20179478954\/corteconstitucionalcronologico202454587\/t-774-12\/\" class=\"_self pt-cv-href-thumbnail pt-cv-thumb-default\" target=\"_self\" ><\/a>\n<div class=\"pt-cv-taxoterm above_title\"><a href='https:\/\/www.dmsjuridica.com\/buscador_20179478954\/corteconstitucionalcronologico202454587\/category\/buscar-en-toda-la-corte\/2012\/tutelas-2012\/' title='Tutelas 2012' class='pt-cv-tax-tutelas-2012'>Tutelas 2012<\/a><\/div>\n<h4 class=\"pt-cv-title\"><a href=\"https:\/\/www.dmsjuridica.com\/buscador_20179478954\/corteconstitucionalcronologico202454587\/t-774-12\/\" class=\"_self\" target=\"_self\" >T-774-12<\/a><\/h4>\n<div class=\"pt-cv-content\">\u00a0 \u00a0 SENTENCIA T-774\/12 \u00a0 \u00a0(Bogot\u00e1, D.C., 09 de octubre) \u00a0 DERECHO A LA SEGURIDAD SOCIAL-Inexistencia de perjuicio irremediable al solicitar bono pensional por tiempo de servicios prestados antes de entrar en vigencia la Ley 100\/93 \u00a0 \u00a0 \u00a0 DERECHO A LA SEGURIDAD SOCIAL-Sustracci\u00f3n de materia por disfrute de la mesada pensional \u00a0 \u00a0 \u00a0 ACCION DE TUTELA CONTRA A CHEVRON PETROLEUM COMPANY-Improcedencia emisi\u00f3n de bono pensional por sustracci\u00f3n de materia por disfrute de la mesada pensional \u00a0 \u00a0 \u00a0 DERECHO A LA SEGURIDAD SOCIAL-Improcedencia para reconocimiento de prestaciones econ\u00f3micas sin afectaci\u00f3n del m\u00ednimo vital \u00a0 Referencia: Expedientes T- 3.483.196 ...<br \/><div class=\"pt-cv-rmwrap\"><a href=\"https:\/\/www.dmsjuridica.com\/buscador_20179478954\/corteconstitucionalcronologico202454587\/t-774-12\/\" class=\"_self pt-cv-readmore btn btn-success\" target=\"_self\">Ver Sentencia Completa...<\/a><\/div><\/div><\/div><\/div>\n<div class=\"col-md-12 col-sm-12 col-xs-12 pt-cv-content-item pt-cv-1-col\" ><div class='pt-cv-ifield'><a href=\"https:\/\/www.dmsjuridica.com\/buscador_20179478954\/corteconstitucionalcronologico202454587\/t-773-12\/\" class=\"_self pt-cv-href-thumbnail pt-cv-thumb-default\" target=\"_self\" ><\/a>\n<div class=\"pt-cv-taxoterm above_title\"><a href='https:\/\/www.dmsjuridica.com\/buscador_20179478954\/corteconstitucionalcronologico202454587\/category\/buscar-en-toda-la-corte\/2012\/tutelas-2012\/' title='Tutelas 2012' class='pt-cv-tax-tutelas-2012'>Tutelas 2012<\/a><\/div>\n<h4 class=\"pt-cv-title\"><a href=\"https:\/\/www.dmsjuridica.com\/buscador_20179478954\/corteconstitucionalcronologico202454587\/t-773-12\/\" class=\"_self\" target=\"_self\" >T-773-12<\/a><\/h4>\n<div class=\"pt-cv-content\">\u00a0 \u00a0 Sentencia T-773\/12 \u00a0 ACCION DE TUTELA PARA RECONOCIMIENTO DE PENSION DE INVALIDEZ-Casos en que se niega pensi\u00f3n de invalidez por requisito de fidelidad\u00a0 \u00a0 ACCION DE TUTELA PARA RECONOCIMIENTO DE PENSION DE INVALIDEZ-Procedencia excepcional para obtener el pago cuando hay perjuicio irremediable \u00a0 La Corte ha reiterado,\u00a0que el amparo constitucional\u00a0 no procede para el reconocimiento de prestaciones en materia de seguridad social y espec\u00edficamente en los casos pensionales, tr\u00e1tese de pensiones de vejez, de invalidez, de sobrevivientes o de una sustituci\u00f3n pensional, atendiendo fundamentalmente a su \u00a0car\u00e1cter residual y subsidiario. Sin embargo, la Corte ha dicho que, excepcionalmente, ...<br \/><div class=\"pt-cv-rmwrap\"><a href=\"https:\/\/www.dmsjuridica.com\/buscador_20179478954\/corteconstitucionalcronologico202454587\/t-773-12\/\" class=\"_self pt-cv-readmore btn btn-success\" target=\"_self\">Ver Sentencia Completa...<\/a><\/div><\/div><\/div><\/div>\n<div class=\"col-md-12 col-sm-12 col-xs-12 pt-cv-content-item pt-cv-1-col\" ><div class='pt-cv-ifield'><a href=\"https:\/\/www.dmsjuridica.com\/buscador_20179478954\/corteconstitucionalcronologico202454587\/t-772-12\/\" class=\"_self pt-cv-href-thumbnail pt-cv-thumb-default\" target=\"_self\" ><\/a>\n<div class=\"pt-cv-taxoterm above_title\"><a href='https:\/\/www.dmsjuridica.com\/buscador_20179478954\/corteconstitucionalcronologico202454587\/category\/buscar-en-toda-la-corte\/2012\/tutelas-2012\/' title='Tutelas 2012' class='pt-cv-tax-tutelas-2012'>Tutelas 2012<\/a><\/div>\n<h4 class=\"pt-cv-title\"><a href=\"https:\/\/www.dmsjuridica.com\/buscador_20179478954\/corteconstitucionalcronologico202454587\/t-772-12\/\" class=\"_self\" target=\"_self\" >T-772-12<\/a><\/h4>\n<div class=\"pt-cv-content\">\u00a0 \u00a0 NOTA DE RELATORIA: La presente sentencia fue objeto de aclaraci\u00f3n mediante Auto 108 del \u00a030 de mayo de 2013, el cual se anexa en la parte final de esta decisi\u00f3n. \u00a0 Sentencia T-772\/12 \u00a0 ESTABILIDAD LABORAL REFORZADA DE PERSONAS EN SITUACION DE DEBILIDAD MANIFIESTA E INDEFENSION POR DETERIORO DEL ESTADO DE SALUD-Casos en que empresas despiden trabajadores que padec\u00edan diferentes enfermedades encontr\u00e1ndose en situaci\u00f3n de vulnerabilidad y sin previa autorizaci\u00f3n del Ministerio de Trabajo\u00a0 \u00a0 ACCION DE TUTELA DE SUJETOS DE ESPECIAL PROTECCION-Procedencia excepcional \u00a0 En aquellos casos en los cuales se perciba la afectaci\u00f3n de los derechos ...<br \/><div class=\"pt-cv-rmwrap\"><a href=\"https:\/\/www.dmsjuridica.com\/buscador_20179478954\/corteconstitucionalcronologico202454587\/t-772-12\/\" class=\"_self pt-cv-readmore btn btn-success\" target=\"_self\">Ver Sentencia Completa...<\/a><\/div><\/div><\/div><\/div>\n<div class=\"col-md-12 col-sm-12 col-xs-12 pt-cv-content-item pt-cv-1-col\" ><div class='pt-cv-ifield'><a href=\"https:\/\/www.dmsjuridica.com\/buscador_20179478954\/corteconstitucionalcronologico202454587\/t-771-12\/\" class=\"_self pt-cv-href-thumbnail pt-cv-thumb-default\" target=\"_self\" ><\/a>\n<div class=\"pt-cv-taxoterm above_title\"><a href='https:\/\/www.dmsjuridica.com\/buscador_20179478954\/corteconstitucionalcronologico202454587\/category\/buscar-en-toda-la-corte\/2012\/tutelas-2012\/' title='Tutelas 2012' class='pt-cv-tax-tutelas-2012'>Tutelas 2012<\/a><\/div>\n<h4 class=\"pt-cv-title\"><a href=\"https:\/\/www.dmsjuridica.com\/buscador_20179478954\/corteconstitucionalcronologico202454587\/t-771-12\/\" class=\"_self\" target=\"_self\" >T-771-12<\/a><\/h4>\n<div class=\"pt-cv-content\">\u00a0 \u00a0 Sentencia T-771\/12 \u00a0 MENORES DE EDAD-Protecci\u00f3n constitucional reforzada \u00a0 \u00a0 \u00a0 DERECHOS DE LOS NI\u00d1OS Y NI\u00d1AS-Car\u00e1cter prevalente \u00a0 \u00a0 \u00a0 DERECHOS DE NI\u00d1OS Y NI\u00d1AS EN SITUACION DE DISCAPACIDAD-Protecci\u00f3n reforzada \u00a0 \u00a0 \u00a0 ACCIONES AFIRMATIVAS-Garantiza el goce efectivo de derechos fundamentales a personas en situaci\u00f3n de discapacidad \u00a0 \u00a0 \u00a0 DERECHO A LA SALUD DE NI\u00d1OS Y NI\u00d1AS EN SITUACION DE DISCAPACIDAD Y PRINCIPIO DE INTEGRALIDAD-Protecci\u00f3n constitucional \u00a0 \u00a0 \u00a0 DERECHO A LA SALUD DE NI\u00d1OS, NI\u00d1AS Y ADOLESCENTES-Car\u00e1cter fundamental \u00a0 \u00a0 \u00a0 DERECHO A LA SALUD-Afectaci\u00f3n ante ausencia de orden emitida por m\u00e9dico tratante y autorizaci\u00f3n ...<br \/><div class=\"pt-cv-rmwrap\"><a href=\"https:\/\/www.dmsjuridica.com\/buscador_20179478954\/corteconstitucionalcronologico202454587\/t-771-12\/\" class=\"_self pt-cv-readmore btn btn-success\" target=\"_self\">Ver Sentencia Completa...<\/a><\/div><\/div><\/div><\/div>\n<div class=\"col-md-12 col-sm-12 col-xs-12 pt-cv-content-item pt-cv-1-col\" ><div class='pt-cv-ifield'><a href=\"https:\/\/www.dmsjuridica.com\/buscador_20179478954\/corteconstitucionalcronologico202454587\/t-770-12\/\" class=\"_self pt-cv-href-thumbnail pt-cv-thumb-default\" target=\"_self\" ><\/a>\n<div class=\"pt-cv-taxoterm above_title\"><a href='https:\/\/www.dmsjuridica.com\/buscador_20179478954\/corteconstitucionalcronologico202454587\/category\/buscar-en-toda-la-corte\/2012\/tutelas-2012\/' title='Tutelas 2012' class='pt-cv-tax-tutelas-2012'>Tutelas 2012<\/a><\/div>\n<h4 class=\"pt-cv-title\"><a href=\"https:\/\/www.dmsjuridica.com\/buscador_20179478954\/corteconstitucionalcronologico202454587\/t-770-12\/\" class=\"_self\" target=\"_self\" >T-770-12<\/a><\/h4>\n<div class=\"pt-cv-content\">\u00a0 \u00a0 Sentencia T-770\/12 \u00a0 ACCION DE TUTELA CONTRA MINISTERIO DE DEFENSA NACIONAL-Retiro de servicio activo con pase de reserva de la Armada Nacional por sobrepasar edad correspondiente al grado que se ocupa \u00a0 \u00a0 \u00a0 DERECHO A LA IGUALDAD-Dimensiones \u00a0 \u00a0 \u00a0 DERECHO A LA IGUALDAD EN SENTIDO MATERIAL-Acciones afirmativas a cargo del Estado \u00a0 \u00a0 \u00a0 PERSONAS EN CONDICION DE DISCAPACIDAD-Protecci\u00f3n especial \u00a0 \u00a0 \u00a0 \u00a0 \u00a0 ACCIONES AFIRMATIVAS-Obligaci\u00f3n del Estado frente a las personas con discapacidad \u00a0 \u00a0 \u00a0 DERECHO AL TRABAJO DE PERSONAS CON DISCAPACIDAD-Protecci\u00f3n del\u00a0derecho internacional de derechos humanos \u00a0 \u00a0 \u00a0 CONVENCION INTERAMERICANA PARA ...<br \/><div class=\"pt-cv-rmwrap\"><a href=\"https:\/\/www.dmsjuridica.com\/buscador_20179478954\/corteconstitucionalcronologico202454587\/t-770-12\/\" class=\"_self pt-cv-readmore btn btn-success\" target=\"_self\">Ver Sentencia Completa...<\/a><\/div><\/div><\/div><\/div>\n<div class=\"col-md-12 col-sm-12 col-xs-12 pt-cv-content-item pt-cv-1-col\" ><div class='pt-cv-ifield'><a href=\"https:\/\/www.dmsjuridica.com\/buscador_20179478954\/corteconstitucionalcronologico202454587\/t-769-12\/\" class=\"_self pt-cv-href-thumbnail pt-cv-thumb-default\" target=\"_self\" ><\/a>\n<div class=\"pt-cv-taxoterm above_title\"><a href='https:\/\/www.dmsjuridica.com\/buscador_20179478954\/corteconstitucionalcronologico202454587\/category\/buscar-en-toda-la-corte\/2012\/tutelas-2012\/' title='Tutelas 2012' class='pt-cv-tax-tutelas-2012'>Tutelas 2012<\/a><\/div>\n<h4 class=\"pt-cv-title\"><a href=\"https:\/\/www.dmsjuridica.com\/buscador_20179478954\/corteconstitucionalcronologico202454587\/t-769-12\/\" class=\"_self\" target=\"_self\" >T-769-12<\/a><\/h4>\n<div class=\"pt-cv-content\">\u00a0 \u00a0 Sentencia T-769\/12 \u00a0 AGENCIA OFICIOSA EN TUTELA-Procedencia \u00a0 \u00a0 \u00a0 DERECHO A LA SALUD-Fundamental aut\u00f3nomo \u00a0 \u00a0 \u00a0 \u00a0 \u00a0 DERECHO A LA IGUALDAD DE PERSONAS EN CONDICION DE VULNERABILIDAD-Circunstancia de debilidad manifiesta \u00a0 \u00a0 \u00a0 DERECHO A LA SEGURIDAD SOCIAL-Servicio p\u00fablico de car\u00e1cter obligatorio \u00a0 \u00a0 \u00a0 SISTEMA GENERAL DE SEGURIDAD SOCIAL EN SALUD-Reglamentaci\u00f3n por Ley 100\/93 \u00a0 \u00a0 \u00a0 DERECHO A LA SALUD-Doble connotaci\u00f3n \u00a0 \u00a0 \u00a0 DERECHO A LA SALUD-Procedencia de la acci\u00f3n de tutela cuando EPS niega suministro de tratamientos, medicamentos o procedimientos incluidos en el POS \u00a0 \u00a0 \u00a0 SISTEMA DE SEGURIDAD SOCIAL ...<br \/><div class=\"pt-cv-rmwrap\"><a href=\"https:\/\/www.dmsjuridica.com\/buscador_20179478954\/corteconstitucionalcronologico202454587\/t-769-12\/\" class=\"_self pt-cv-readmore btn btn-success\" target=\"_self\">Ver Sentencia Completa...<\/a><\/div><\/div><\/div><\/div>\n<div class=\"col-md-12 col-sm-12 col-xs-12 pt-cv-content-item pt-cv-1-col\" ><div class='pt-cv-ifield'><a href=\"https:\/\/www.dmsjuridica.com\/buscador_20179478954\/corteconstitucionalcronologico202454587\/t-768-12\/\" class=\"_self pt-cv-href-thumbnail pt-cv-thumb-default\" target=\"_self\" ><\/a>\n<div class=\"pt-cv-taxoterm above_title\"><a href='https:\/\/www.dmsjuridica.com\/buscador_20179478954\/corteconstitucionalcronologico202454587\/category\/buscar-en-toda-la-corte\/2012\/tutelas-2012\/' title='Tutelas 2012' class='pt-cv-tax-tutelas-2012'>Tutelas 2012<\/a><\/div>\n<h4 class=\"pt-cv-title\"><a href=\"https:\/\/www.dmsjuridica.com\/buscador_20179478954\/corteconstitucionalcronologico202454587\/t-768-12\/\" class=\"_self\" target=\"_self\" >T-768-12<\/a><\/h4>\n<div class=\"pt-cv-content\">\u00a0 \u00a0 \u00a0\u00a0 Sentencia T-768\/12 \u00a0 ACCION DE TUTELA-Requisitos de procedibilidad\u00a0 \u00a0 PRINCIPIO DE INMEDIATEZ COMO REQUISITO DE PROCEDIBILIDAD DE LA ACCION DE TUTELA-Reiteraci\u00f3n de jurisprudencia \u00a0 La inoponibilidad del principio de inmediatez como requisito de procedibilidad de la acci\u00f3n de tutela en los casos en los cuales se reprocha la actuaci\u00f3n del Fondo Nacional del Ahorro, consistente en la variaci\u00f3n unilateral de las condiciones iniciales del cr\u00e9dito, de pesos a Unidades de Valor Real UVR, al sostener que, el tiempo transcurrido desde la modificaci\u00f3n al contrato de mutuo no subsana la violaci\u00f3n al debido proceso\u2026 que el actor haya ...<br \/><div class=\"pt-cv-rmwrap\"><a href=\"https:\/\/www.dmsjuridica.com\/buscador_20179478954\/corteconstitucionalcronologico202454587\/t-768-12\/\" class=\"_self pt-cv-readmore btn btn-success\" target=\"_self\">Ver Sentencia Completa...<\/a><\/div><\/div><\/div><\/div>\n<div class=\"col-md-12 col-sm-12 col-xs-12 pt-cv-content-item pt-cv-1-col\" ><div class='pt-cv-ifield'><a href=\"https:\/\/www.dmsjuridica.com\/buscador_20179478954\/corteconstitucionalcronologico202454587\/t-764-12\/\" class=\"_self pt-cv-href-thumbnail pt-cv-thumb-default\" target=\"_self\" ><\/a>\n<div class=\"pt-cv-taxoterm above_title\"><a href='https:\/\/www.dmsjuridica.com\/buscador_20179478954\/corteconstitucionalcronologico202454587\/category\/buscar-en-toda-la-corte\/2012\/tutelas-2012\/' title='Tutelas 2012' class='pt-cv-tax-tutelas-2012'>Tutelas 2012<\/a><\/div>\n<h4 class=\"pt-cv-title\"><a href=\"https:\/\/www.dmsjuridica.com\/buscador_20179478954\/corteconstitucionalcronologico202454587\/t-764-12\/\" class=\"_self\" target=\"_self\" >T-764-12<\/a><\/h4>\n<div class=\"pt-cv-content\">OBLIGACIONES DEL ESTADO EN RELACION CON LAS PERSONAS PRIVADAS DE LA LIBERTAD-Reiteraci\u00f3n de jurisprudencia \u00a0 Las sanciones penales son una expresi\u00f3n de la potestad punitiva del Estado e implican menoscabo, privaci\u00f3n o alteraci\u00f3n de los derechos de las personas como consecuencia de una conducta il\u00edcita. En el sistema punitivo colombiano, la libertad personal, por ejemplo, es uno de los derechos que se suspende como consecuencia de conductas que se consideran al margen de la ley por afectar bienes jur\u00eddicos relevantes para el ordenamiento, no obstante, los dem\u00e1s derechos del interno se deben conservar intactos y deben ser garantizados y respetados ...<br \/><div class=\"pt-cv-rmwrap\"><a href=\"https:\/\/www.dmsjuridica.com\/buscador_20179478954\/corteconstitucionalcronologico202454587\/t-764-12\/\" class=\"_self pt-cv-readmore btn btn-success\" target=\"_self\">Ver Sentencia Completa...<\/a><\/div><\/div><\/div><\/div>\n<div class=\"col-md-12 col-sm-12 col-xs-12 pt-cv-content-item pt-cv-1-col\" ><div class='pt-cv-ifield'><a href=\"https:\/\/www.dmsjuridica.com\/buscador_20179478954\/corteconstitucionalcronologico202454587\/t-763-12\/\" class=\"_self pt-cv-href-thumbnail pt-cv-thumb-default\" target=\"_self\" ><\/a>\n<div class=\"pt-cv-taxoterm above_title\"><a href='https:\/\/www.dmsjuridica.com\/buscador_20179478954\/corteconstitucionalcronologico202454587\/category\/buscar-en-toda-la-corte\/2012\/tutelas-2012\/' title='Tutelas 2012' class='pt-cv-tax-tutelas-2012'>Tutelas 2012<\/a><\/div>\n<h4 class=\"pt-cv-title\"><a href=\"https:\/\/www.dmsjuridica.com\/buscador_20179478954\/corteconstitucionalcronologico202454587\/t-763-12\/\" class=\"_self\" target=\"_self\" >T-763-12<\/a><\/h4>\n<div class=\"pt-cv-content\">ACCION DE TUTELA CONTRA PROVIDENCIAS JUDICIALES-Procedencia excepcional \u00a0 La Corte Constitucional mediante sentencia C-543 de 1992 declar\u00f3 la inexequibilidad de los art\u00edculos 11, 12 y 40 del decreto 2591 de 1991 referidos a la caducidad y competencia especial de la tutela frente a providencias judiciales por considerar que contrariaban principios constitucionales de gran val\u00eda como la autonom\u00eda judicial, la desconcentraci\u00f3n de la administraci\u00f3n de justicia y la seguridad jur\u00eddica. No obstante, reconoci\u00f3 que las autoridades judiciales a trav\u00e9s de sus sentencias pod\u00edan desconocer derechos fundamentales, para lo cual \u00a0admiti\u00f3 como \u00fanica excepci\u00f3n para que procediera el amparo tutelar, que la ...<br \/><div class=\"pt-cv-rmwrap\"><a href=\"https:\/\/www.dmsjuridica.com\/buscador_20179478954\/corteconstitucionalcronologico202454587\/t-763-12\/\" class=\"_self pt-cv-readmore btn btn-success\" target=\"_self\">Ver Sentencia Completa...<\/a><\/div><\/div><\/div><\/div>\n<div class=\"col-md-12 col-sm-12 col-xs-12 pt-cv-content-item pt-cv-1-col\" ><div class='pt-cv-ifield'><a href=\"https:\/\/www.dmsjuridica.com\/buscador_20179478954\/corteconstitucionalcronologico202454587\/t-762-12\/\" class=\"_self pt-cv-href-thumbnail pt-cv-thumb-default\" target=\"_self\" ><\/a>\n<div class=\"pt-cv-taxoterm above_title\"><a href='https:\/\/www.dmsjuridica.com\/buscador_20179478954\/corteconstitucionalcronologico202454587\/category\/buscar-en-toda-la-corte\/2012\/tutelas-2012\/' title='Tutelas 2012' class='pt-cv-tax-tutelas-2012'>Tutelas 2012<\/a><\/div>\n<h4 class=\"pt-cv-title\"><a href=\"https:\/\/www.dmsjuridica.com\/buscador_20179478954\/corteconstitucionalcronologico202454587\/t-762-12\/\" class=\"_self\" target=\"_self\" >T-762-12<\/a><\/h4>\n<div class=\"pt-cv-content\">\u00a0 \u00a0 Sentencia T-762\/12 \u00a0 DERECHO FUNDAMENTAL A LA SEGURIDAD SOCIAL-Reiteraci\u00f3n de jurisprudencia \u00a0 El sistema general de pensiones constituye una expresi\u00f3n del derecho a la seguridad social, cuya finalidad es la cobertura de contingencias como la incapacidad laboral, la muerte y la vejez, seg\u00fan\u00a0\u201cdetermine la Ley\u201d, fijado su apropiado funcionamiento por el desenvolvimiento arm\u00f3nico de las instituciones, los recursos y los elementos destinados a ese prop\u00f3sito, en plena avenencia con los principios de universalidad, integralidad, eficiencia y solidaridad. \u00a0 ACCION DE TUTELA PARA RECONOCIMIENTO DE DERECHOS PENSIONALES-Procedencia excepcional \u00a0 La Corte ha precisado que, cuando el amparo de los ...<br \/><div class=\"pt-cv-rmwrap\"><a href=\"https:\/\/www.dmsjuridica.com\/buscador_20179478954\/corteconstitucionalcronologico202454587\/t-762-12\/\" class=\"_self pt-cv-readmore btn btn-success\" target=\"_self\">Ver Sentencia Completa...<\/a><\/div><\/div><\/div><\/div>\n<div class=\"col-md-12 col-sm-12 col-xs-12 pt-cv-content-item pt-cv-1-col\" ><div class='pt-cv-ifield'><a href=\"https:\/\/www.dmsjuridica.com\/buscador_20179478954\/corteconstitucionalcronologico202454587\/t-761-12\/\" class=\"_self pt-cv-href-thumbnail pt-cv-thumb-default\" target=\"_self\" ><\/a>\n<div class=\"pt-cv-taxoterm above_title\"><a href='https:\/\/www.dmsjuridica.com\/buscador_20179478954\/corteconstitucionalcronologico202454587\/category\/buscar-en-toda-la-corte\/2012\/tutelas-2012\/' title='Tutelas 2012' class='pt-cv-tax-tutelas-2012'>Tutelas 2012<\/a><\/div>\n<h4 class=\"pt-cv-title\"><a href=\"https:\/\/www.dmsjuridica.com\/buscador_20179478954\/corteconstitucionalcronologico202454587\/t-761-12\/\" class=\"_self\" target=\"_self\" >T-761-12<\/a><\/h4>\n<div class=\"pt-cv-content\">\u00a0 \u00a0 Sentencia T-761\/12 \u00a0 ACCION DE TUTELA CONTRA PROVIDENCIAS JUDICIALES-Reiteraci\u00f3n de jurisprudencia \u00a0 ACCION DE TUTELA CONTRA PROVIDENCIAS JUDICIALES-Reiteraci\u00f3n de jurisprudencia sobre requisitos generales y especiales de procedibilidad\u00a0 \u00a0 DECLARACION DE PERSONA AUSENTE EN MATERIA PENAL-Jurisprudencia constitucional\/DERECHO A LA DEFENSA TECNICA-Jurisprudencia constitucional \u00a0 En diversas ocasiones, la Corte ha tenido oportunidad de referirse a la figura de la declaratoria de persona ausente en materia penal, concluyendo que si bien se trata de una alternativa procesal que se aviene con los preceptos constitucionales, espec\u00edficamente la garant\u00eda del debido proceso y el normal funcionamiento de la administraci\u00f3n de justicia, su utilizaci\u00f3n ...<br \/><div class=\"pt-cv-rmwrap\"><a href=\"https:\/\/www.dmsjuridica.com\/buscador_20179478954\/corteconstitucionalcronologico202454587\/t-761-12\/\" class=\"_self pt-cv-readmore btn btn-success\" target=\"_self\">Ver Sentencia Completa...<\/a><\/div><\/div><\/div><\/div>\n<div class=\"col-md-12 col-sm-12 col-xs-12 pt-cv-content-item pt-cv-1-col\" ><div class='pt-cv-ifield'><a href=\"https:\/\/www.dmsjuridica.com\/buscador_20179478954\/corteconstitucionalcronologico202454587\/t-760-12\/\" class=\"_self pt-cv-href-thumbnail pt-cv-thumb-default\" target=\"_self\" ><\/a>\n<div class=\"pt-cv-taxoterm above_title\"><a href='https:\/\/www.dmsjuridica.com\/buscador_20179478954\/corteconstitucionalcronologico202454587\/category\/buscar-en-toda-la-corte\/2012\/tutelas-2012\/' title='Tutelas 2012' class='pt-cv-tax-tutelas-2012'>Tutelas 2012<\/a><\/div>\n<h4 class=\"pt-cv-title\"><a href=\"https:\/\/www.dmsjuridica.com\/buscador_20179478954\/corteconstitucionalcronologico202454587\/t-760-12\/\" class=\"_self\" target=\"_self\" >T-760-12<\/a><\/h4>\n<div class=\"pt-cv-content\">\u00a0 \u00a0 Sentencia T-760\/12 \u00a0 (Bogot\u00e1 D.C, octubre 1) \u00a0 LEGITIMACION EN LA CAUSA POR ACTIVA Y AGENCIA OFICIOSA EN LA ACCION DE TUTELA-Requisitos \u00a0 LEGITIMACION EN LA CAUSA POR ACTIVA EN TUTELA-Agencia oficiosa de ind\u00edgenas, quienes no saben el idioma castellano \u00a0 La jurisprudencia constitucional ha se\u00f1alado que para aplicar la mencionada figura es necesario: \u201c(i) la manifestaci\u00f3n del agente oficioso en el sentido de actuar como tal y (ii) la circunstancia real, que se desprenda del escrito de tutela, ya por figurar expresamente o porque del contenido se pueda inferir, consistente en que el titular del derecho fundamental ...<br \/><div class=\"pt-cv-rmwrap\"><a href=\"https:\/\/www.dmsjuridica.com\/buscador_20179478954\/corteconstitucionalcronologico202454587\/t-760-12\/\" class=\"_self pt-cv-readmore btn btn-success\" target=\"_self\">Ver Sentencia Completa...<\/a><\/div><\/div><\/div><\/div>\n<div class=\"col-md-12 col-sm-12 col-xs-12 pt-cv-content-item pt-cv-1-col\" ><div class='pt-cv-ifield'><a href=\"https:\/\/www.dmsjuridica.com\/buscador_20179478954\/corteconstitucionalcronologico202454587\/t-759-12\/\" class=\"_self pt-cv-href-thumbnail pt-cv-thumb-default\" target=\"_self\" ><\/a>\n<div class=\"pt-cv-taxoterm above_title\"><a href='https:\/\/www.dmsjuridica.com\/buscador_20179478954\/corteconstitucionalcronologico202454587\/category\/buscar-en-toda-la-corte\/2012\/tutelas-2012\/' title='Tutelas 2012' class='pt-cv-tax-tutelas-2012'>Tutelas 2012<\/a><\/div>\n<h4 class=\"pt-cv-title\"><a href=\"https:\/\/www.dmsjuridica.com\/buscador_20179478954\/corteconstitucionalcronologico202454587\/t-759-12\/\" class=\"_self\" target=\"_self\" >T-759-12<\/a><\/h4>\n<div class=\"pt-cv-content\">\u00a0 \u00a0 Sentencia T-759\/12 \u00a0 \u00a0(Bogot\u00e1, D.C., 1 de Octubre de 2012) \u00a0 DERECHO A LA PENSION DE SOBREVIVIENTES-C\u00f3nyuge y compa\u00f1era permanente en proporci\u00f3n al tiempo de convivencia \u00a0 DERECHO A LA PENSION DE SOBREVIVIENTES-Caso en que no se presenta convivencia simult\u00e1nea entre esposa y compa\u00f1era permanente, se aplica ley 797\/03 art\u00edculo 13 \u00a0 DERECHO A LA SEGURIDAD SOCIAL Y A LA VIDA DIGNA DE ADULTO MAYOR-Protecci\u00f3n cuando c\u00f3nyuge solicita pensi\u00f3n de sobrevivientes \u00a0 Con relaci\u00f3n a la protecci\u00f3n especial de que se reviste a los adultos mayores, no s\u00f3lo por el hecho de pertenecer a esa categor\u00eda tienen derecho ...<br \/><div class=\"pt-cv-rmwrap\"><a href=\"https:\/\/www.dmsjuridica.com\/buscador_20179478954\/corteconstitucionalcronologico202454587\/t-759-12\/\" class=\"_self pt-cv-readmore btn btn-success\" target=\"_self\">Ver Sentencia Completa...<\/a><\/div><\/div><\/div><\/div>\n<div class=\"col-md-12 col-sm-12 col-xs-12 pt-cv-content-item pt-cv-1-col\" ><div class='pt-cv-ifield'><a href=\"https:\/\/www.dmsjuridica.com\/buscador_20179478954\/corteconstitucionalcronologico202454587\/t-758-12\/\" class=\"_self pt-cv-href-thumbnail pt-cv-thumb-default\" target=\"_self\" ><\/a>\n<div class=\"pt-cv-taxoterm above_title\"><a href='https:\/\/www.dmsjuridica.com\/buscador_20179478954\/corteconstitucionalcronologico202454587\/category\/buscar-en-toda-la-corte\/2012\/tutelas-2012\/' title='Tutelas 2012' class='pt-cv-tax-tutelas-2012'>Tutelas 2012<\/a><\/div>\n<h4 class=\"pt-cv-title\"><a href=\"https:\/\/www.dmsjuridica.com\/buscador_20179478954\/corteconstitucionalcronologico202454587\/t-758-12\/\" class=\"_self\" target=\"_self\" >T-758-12<\/a><\/h4>\n<div class=\"pt-cv-content\">\u00a0 \u00a0 Sentencia T-758\/12\u00a0 \u00a0 Bogot\u00e1, D.C., 1 de octubre \u00a0 PRINCIPIO DE SUBSIDIARIEDAD E INMEDIATEZ EN LA ACCION DE TUTELA-Requisitos de procedibilidad \u00a0 ESTABILIDAD LABORAL REFORZADA-Improcedencia de reintegro por existir otro medio de defensa judicial y por inobservancia del requisito de inmediatez \u00a0 En el caso concreto encuentra la Sala que el tiempo transcurrido entre la conducta presuntamente violatoria de los derechos fundamentales del actor y la fecha de la interposici\u00f3n de la tutela -30 de enero de 2012- es injustificadamente extenso, sin que se vislumbre circunstancia que explique satisfactoriamente su tardanza y sin que durante ese tiempo el ...<br \/><div class=\"pt-cv-rmwrap\"><a href=\"https:\/\/www.dmsjuridica.com\/buscador_20179478954\/corteconstitucionalcronologico202454587\/t-758-12\/\" class=\"_self pt-cv-readmore btn btn-success\" target=\"_self\">Ver Sentencia Completa...<\/a><\/div><\/div><\/div><\/div>\n<div class=\"col-md-12 col-sm-12 col-xs-12 pt-cv-content-item pt-cv-1-col\" ><div class='pt-cv-ifield'><a href=\"https:\/\/www.dmsjuridica.com\/buscador_20179478954\/corteconstitucionalcronologico202454587\/t-757-12\/\" class=\"_self pt-cv-href-thumbnail pt-cv-thumb-default\" target=\"_self\" ><\/a>\n<div class=\"pt-cv-taxoterm above_title\"><a href='https:\/\/www.dmsjuridica.com\/buscador_20179478954\/corteconstitucionalcronologico202454587\/category\/buscar-en-toda-la-corte\/2012\/tutelas-2012\/' title='Tutelas 2012' class='pt-cv-tax-tutelas-2012'>Tutelas 2012<\/a><\/div>\n<h4 class=\"pt-cv-title\"><a href=\"https:\/\/www.dmsjuridica.com\/buscador_20179478954\/corteconstitucionalcronologico202454587\/t-757-12\/\" class=\"_self\" target=\"_self\" >T-757-12<\/a><\/h4>\n<div class=\"pt-cv-content\">\u00a0 \u00a0 Sentencia T-757\/12 \u00a0 (Bogot\u00e1 D.C, octubre 1) \u00a0 ACCION DE TUTELA CONTRA PROVIDENCIAS JUDICIALES-Requisitos generales y especiales de procedibilidad \u00a0 DECLARACION DE PERSONA AUSENTE-Vinculaci\u00f3n al proceso penal conforme a la ley 600 de 2000 \u00a0 En los procesos regidos por la Ley 600 de 2000, la vinculaci\u00f3n del imputado en la etapa de instrucci\u00f3n se realiza mediante el adelantamiento de la indagatoria o a trav\u00e9s de resoluci\u00f3n debidamente motivada de declaratoria de persona ausente. La Honorable Corte Suprema de Justicia \u2013 Sala Penal \u2013 ha advertido que \u00a0\u201cdos son las formas en que ello es posible, bien mediante ...<br \/><div class=\"pt-cv-rmwrap\"><a href=\"https:\/\/www.dmsjuridica.com\/buscador_20179478954\/corteconstitucionalcronologico202454587\/t-757-12\/\" class=\"_self pt-cv-readmore btn btn-success\" target=\"_self\">Ver Sentencia Completa...<\/a><\/div><\/div><\/div><\/div>\n<div class=\"col-md-12 col-sm-12 col-xs-12 pt-cv-content-item pt-cv-1-col\" ><div class='pt-cv-ifield'><a href=\"https:\/\/www.dmsjuridica.com\/buscador_20179478954\/corteconstitucionalcronologico202454587\/t-756-12\/\" class=\"_self pt-cv-href-thumbnail pt-cv-thumb-default\" target=\"_self\" ><\/a>\n<div class=\"pt-cv-taxoterm above_title\"><a href='https:\/\/www.dmsjuridica.com\/buscador_20179478954\/corteconstitucionalcronologico202454587\/category\/buscar-en-toda-la-corte\/2012\/tutelas-2012\/' title='Tutelas 2012' class='pt-cv-tax-tutelas-2012'>Tutelas 2012<\/a><\/div>\n<h4 class=\"pt-cv-title\"><a href=\"https:\/\/www.dmsjuridica.com\/buscador_20179478954\/corteconstitucionalcronologico202454587\/t-756-12\/\" class=\"_self\" target=\"_self\" >T-756-12<\/a><\/h4>\n<div class=\"pt-cv-content\">\u00a0 \u00a0 Sentencia T-756\/12 \u00a0 Bogot\u00e1, D.C., 1 de octubre \u00a0 LEY 1122\/07-Confiri\u00f3 a Superintendencia Nacional de Salud facultades jurisdiccionales para adelantar procedimientos que resuelvan controversias entre entidades promotoras de salud y usuarios \u00a0 LEY 1438\/11-Reform\u00f3 el Sistema General de Seguridad Social en Salud, ampliando el \u00e1mbito de competencia de la Superintendencia Nacional de Salud, e instituy\u00f3 un procedimiento \u201cpreferente y sumario\u201d \u00a0 FUNCION JURISDICCIONAL POR SUPERINTENDENCIA NACIONAL DE SALUD-Caracter\u00edsticas \u00a0 El procedimiento jurisdiccional tiene las siguientes caracter\u00edsticas: (i) se inicia con una solicitud dirigida a la Superintendencia Nacional de Salud, en la cual se debe expresar con la mayor ...<br \/><div class=\"pt-cv-rmwrap\"><a href=\"https:\/\/www.dmsjuridica.com\/buscador_20179478954\/corteconstitucionalcronologico202454587\/t-756-12\/\" class=\"_self pt-cv-readmore btn btn-success\" target=\"_self\">Ver Sentencia Completa...<\/a><\/div><\/div><\/div><\/div>\n<div class=\"col-md-12 col-sm-12 col-xs-12 pt-cv-content-item pt-cv-1-col\" ><div class='pt-cv-ifield'><a href=\"https:\/\/www.dmsjuridica.com\/buscador_20179478954\/corteconstitucionalcronologico202454587\/t-755-12\/\" class=\"_self pt-cv-href-thumbnail pt-cv-thumb-default\" target=\"_self\" ><\/a>\n<div class=\"pt-cv-taxoterm above_title\"><a href='https:\/\/www.dmsjuridica.com\/buscador_20179478954\/corteconstitucionalcronologico202454587\/category\/buscar-en-toda-la-corte\/2012\/tutelas-2012\/' title='Tutelas 2012' class='pt-cv-tax-tutelas-2012'>Tutelas 2012<\/a><\/div>\n<h4 class=\"pt-cv-title\"><a href=\"https:\/\/www.dmsjuridica.com\/buscador_20179478954\/corteconstitucionalcronologico202454587\/t-755-12\/\" class=\"_self\" target=\"_self\" >T-755-12<\/a><\/h4>\n<div class=\"pt-cv-content\">(Bogot\u00e1, D.C., octubre 1) \u00a0 ACCION DE TUTELA-Subsidiariedad \u00a0 ACCION DE TUTELA-Inmediatez \u00a0 DERECHO DE PETICION-Reiteraci\u00f3n de jurisprudencia \u00a0 DERECHO FUNDAMENTAL A LA SALUD DE PERSONA DISCAPACITADA-Reiteraci\u00f3n de jurisprudencia \u00a0 DERECHO A LA SALUD-Elementos esenciales \u00a0 FUNDAMENTALIDAD DEL DERECHO A LA SALUD-Principios rectores como eficacia, universalidad, integralidad, continuidad y solidaridad \u00a0 ACCESO A TRATAMIENTO MEDICO O MEDICAMENTO EXCLUIDO DEL POS-Criterios constitucionales para acceder a servicios no POS \u00a0 ACCION DE TUTELA-Ordenar a EPS que suministre una respuesta de fondo, clara y precisa sobre solicitud presentada por accionante\u00a0 \u00a0 Referencia: expediente T-3.426.849 \u00a0 Fallos de tutela objeto de revisi\u00f3n: Sentencia del ...<br \/><div class=\"pt-cv-rmwrap\"><a href=\"https:\/\/www.dmsjuridica.com\/buscador_20179478954\/corteconstitucionalcronologico202454587\/t-755-12\/\" class=\"_self pt-cv-readmore btn btn-success\" target=\"_self\">Ver Sentencia Completa...<\/a><\/div><\/div><\/div><\/div>\n<div class=\"col-md-12 col-sm-12 col-xs-12 pt-cv-content-item pt-cv-1-col\" ><div class='pt-cv-ifield'><a href=\"https:\/\/www.dmsjuridica.com\/buscador_20179478954\/corteconstitucionalcronologico202454587\/t-754-12\/\" class=\"_self pt-cv-href-thumbnail pt-cv-thumb-default\" target=\"_self\" ><\/a>\n<div class=\"pt-cv-taxoterm above_title\"><a href='https:\/\/www.dmsjuridica.com\/buscador_20179478954\/corteconstitucionalcronologico202454587\/category\/buscar-en-toda-la-corte\/2012\/tutelas-2012\/' title='Tutelas 2012' class='pt-cv-tax-tutelas-2012'>Tutelas 2012<\/a><\/div>\n<h4 class=\"pt-cv-title\"><a href=\"https:\/\/www.dmsjuridica.com\/buscador_20179478954\/corteconstitucionalcronologico202454587\/t-754-12\/\" class=\"_self\" target=\"_self\" >T-754-12<\/a><\/h4>\n<div class=\"pt-cv-content\">\u00a0 \u00a0 Sentencia T-754\/12 \u00a0 ESTABILIDAD LABORAL REFORZADA DE PERSONAS EN SITUACION DE DEBILIDAD MANIFIESTA E INDEFENSION POR DETERIORO DEL ESTADO DE SALUD-Reiteraci\u00f3n de jurisprudencia \u00a0 \u00a0 \u00a0 ESTABILIDAD LABORAL REFORZADA Y DERECHO AL TRABAJO-Permanencia en el empleo como medida de protecci\u00f3n a especial condici\u00f3n \u00a0 \u00a0 \u00a0 PROTECCION LABORAL DE PERSONAS PROXIMAS A PENSIONARSE Y EXPECTATIVA LEGITIMA DE PENSIONARSE DENTRO DEL REGIMEN LEGAL AL CUAL PERTENECE-Reiteraci\u00f3n jurisprudencia \u00a0 \u00a0 \u00a0 DERECHOS ADQUIRIDOS-Definici\u00f3n \u00a0 \u00a0 \u00a0 DERECHOS ADQUIRIDOS-Garant\u00eda de inmutabilidad \u00a0 \u00a0 \u00a0 DERECHOS ADQUIRIDOS, EXPECTATIVAS LEGITIMAS Y MERAS EXPECTATIVAS-Valoraci\u00f3n y diferenciaci\u00f3n \u00a0 \u00a0 \u00a0 LEGITIMACION EN LA CAUSA POR ...<br \/><div class=\"pt-cv-rmwrap\"><a href=\"https:\/\/www.dmsjuridica.com\/buscador_20179478954\/corteconstitucionalcronologico202454587\/t-754-12\/\" class=\"_self pt-cv-readmore btn btn-success\" target=\"_self\">Ver Sentencia Completa...<\/a><\/div><\/div><\/div><\/div>\n<div class=\"col-md-12 col-sm-12 col-xs-12 pt-cv-content-item pt-cv-1-col\" ><div class='pt-cv-ifield'><a href=\"https:\/\/www.dmsjuridica.com\/buscador_20179478954\/corteconstitucionalcronologico202454587\/t-753-12\/\" class=\"_self pt-cv-href-thumbnail pt-cv-thumb-default\" target=\"_self\" ><\/a>\n<div class=\"pt-cv-taxoterm above_title\"><a href='https:\/\/www.dmsjuridica.com\/buscador_20179478954\/corteconstitucionalcronologico202454587\/category\/buscar-en-toda-la-corte\/2012\/tutelas-2012\/' title='Tutelas 2012' class='pt-cv-tax-tutelas-2012'>Tutelas 2012<\/a><\/div>\n<h4 class=\"pt-cv-title\"><a href=\"https:\/\/www.dmsjuridica.com\/buscador_20179478954\/corteconstitucionalcronologico202454587\/t-753-12\/\" class=\"_self\" target=\"_self\" >T-753-12<\/a><\/h4>\n<div class=\"pt-cv-content\">\u00a0 \u00a0 Sentencia T-753\/12 \u00a0 ACCION DE TUTELA-Naturaleza subsidiaria \u00a0 \u00a0 \u00a0 ACCION DE TUTELA Y EXISTENCIA DE OTRO MEDIO DE DEFENSA JUDICIAL-Procedencia excepcional para evitar perjuicio irremediable \u00a0 \u00a0 \u00a0 PERJUICIO IRREMEDIABLE-Configuraci\u00f3n \u00a0 \u00a0 \u00a0 DEBIDO PROCESO-Alcance \u00a0 \u00a0 \u00a0 DEBIDO PROCESO ADMINISTRATIVO-Fundamental \u00a0 \u00a0 \u00a0 DEBIDO PROCESO ADMINISTRATIVO-Car\u00e1cter subjetivo \u00a0 \u00a0 \u00a0 DERECHO DE DEFENSA-Garant\u00eda del debido proceso \u00a0 \u00a0 \u00a0 DEBIDO PROCESO ADMINISTRATIVO-Observancia por parte de la administraci\u00f3n cuando no se da contestaci\u00f3n a recurso interpuesto \u00a0 \u00a0 \u00a0 PROCEDIMIENTO ADMINISTRATIVO COACTIVO-Regulaci\u00f3n \u00a0 \u00a0 \u00a0 PROCEDIMIENTO ADMINISTRATIVO COACTIVO-Naturaleza administrativa \u00a0 \u00a0 \u00a0 CUOTAS PARTES PENSIONALES-Origen en la ...<br \/><div class=\"pt-cv-rmwrap\"><a href=\"https:\/\/www.dmsjuridica.com\/buscador_20179478954\/corteconstitucionalcronologico202454587\/t-753-12\/\" class=\"_self pt-cv-readmore btn btn-success\" target=\"_self\">Ver Sentencia Completa...<\/a><\/div><\/div><\/div><\/div>\n<div class=\"col-md-12 col-sm-12 col-xs-12 pt-cv-content-item pt-cv-1-col\" ><div class='pt-cv-ifield'><a href=\"https:\/\/www.dmsjuridica.com\/buscador_20179478954\/corteconstitucionalcronologico202454587\/t-752-12\/\" class=\"_self pt-cv-href-thumbnail pt-cv-thumb-default\" target=\"_self\" ><\/a>\n<div class=\"pt-cv-taxoterm above_title\"><a href='https:\/\/www.dmsjuridica.com\/buscador_20179478954\/corteconstitucionalcronologico202454587\/category\/buscar-en-toda-la-corte\/2012\/tutelas-2012\/' title='Tutelas 2012' class='pt-cv-tax-tutelas-2012'>Tutelas 2012<\/a><\/div>\n<h4 class=\"pt-cv-title\"><a href=\"https:\/\/www.dmsjuridica.com\/buscador_20179478954\/corteconstitucionalcronologico202454587\/t-752-12\/\" class=\"_self\" target=\"_self\" >T-752-12<\/a><\/h4>\n<div class=\"pt-cv-content\">\u00a0 \u00a0 Sentencia T-752\/12\u00a0 \u00a0 SITUACION DE DEBILIDAD MANIFIESTA Y SUMINISTRO DE PA\u00d1ALES DESECHABLES-Desconocimiento del precedente jurisprudencial \u00a0 \u00a0 \u00a0 DEBIDO PROCESO EN MATERIA DE ACCESO A SERVICIOS DE SALUD QUE SE REQUIEREN CON NECESIDAD-Violaci\u00f3n por desconocimiento del precedente jurisprudencial \u00a0 \u00a0 \u00a0 ACCESO A SERVICIOS DE SALUD NO INCLUIDOS EN EL POS QUE SE REQUIEREN CON NECESIDAD YSUMINISTRO DE PA\u00d1ALES DESECHABLES-Reiteraci\u00f3n de jurisprudencia \u00a0 \u00a0 \u00a0 ACCESO A SERVICIOS MEDICOS NO INCLUIDOS EN EL POS QUE SE REQUIEREN CON NECESIDAD-Presupuestos \u00a0 \u00a0 \u00a0 DERECHO AL SUMINISTRO DE PA\u00d1ALES DESECHABLES-Protecci\u00f3n \u00a0 \u00a0 \u00a0 DERECHO A LA VIDA DIGNA DE PERSONAS ...<br \/><div class=\"pt-cv-rmwrap\"><a href=\"https:\/\/www.dmsjuridica.com\/buscador_20179478954\/corteconstitucionalcronologico202454587\/t-752-12\/\" class=\"_self pt-cv-readmore btn btn-success\" target=\"_self\">Ver Sentencia Completa...<\/a><\/div><\/div><\/div><\/div>\n<div class=\"col-md-12 col-sm-12 col-xs-12 pt-cv-content-item pt-cv-1-col\" ><div class='pt-cv-ifield'><a href=\"https:\/\/www.dmsjuridica.com\/buscador_20179478954\/corteconstitucionalcronologico202454587\/t-751-12\/\" class=\"_self pt-cv-href-thumbnail pt-cv-thumb-default\" target=\"_self\" ><\/a>\n<div class=\"pt-cv-taxoterm above_title\"><a href='https:\/\/www.dmsjuridica.com\/buscador_20179478954\/corteconstitucionalcronologico202454587\/category\/buscar-en-toda-la-corte\/2012\/tutelas-2012\/' title='Tutelas 2012' class='pt-cv-tax-tutelas-2012'>Tutelas 2012<\/a><\/div>\n<h4 class=\"pt-cv-title\"><a href=\"https:\/\/www.dmsjuridica.com\/buscador_20179478954\/corteconstitucionalcronologico202454587\/t-751-12\/\" class=\"_self\" target=\"_self\" >T-751-12<\/a><\/h4>\n<div class=\"pt-cv-content\">\u00a0 \u00a0 Sentencia T-751\/12 \u00a0 ACCION DE TUTELA CONTRA EMPRESA PARTICULAR DEL SISTEMA FINANCIERO Y ASEGURADOR-Reiteraci\u00f3n de jurisprudencia sobre su procedencia \u00a0 \u00a0 \u00a0 ESTADO DE INDEFENSION FRENTE A ENTIDADES DEL SISTEMA FINANCIERO-Posici\u00f3n dominante\/ENTIDAD BANCARIA-Posici\u00f3n dominante \u00a0 \u00a0 \u00a0 ACCION DE TUTELA CONTRA COMPA\u00d1IA DE SEGUROS Y ESTADO DE DEBILIDAD MANIFIESTA-Procedencia excepcional \u00a0 \u00a0 \u00a0 ACCION DE TUTELA CONTRA COMPA\u00d1IA DE SEGUROS Y EXISTENCIA DE OTRO MEDIO DE DEFENSA JUDICIAL-Procedencia excepcional para evitar perjuicio irremediable \u00a0 \u00a0 \u00a0 CONTRATO DE SEGURO-Naturaleza y caracter\u00edsticas \u00a0 \u00a0 \u00a0 CONTRATO DE SEGURO-Condiciones generales y particulares \u00a0 \u00a0 \u00a0 CONTRATO DE SEGURO-Perspectiva constitucional \u00a0 ...<br \/><div class=\"pt-cv-rmwrap\"><a href=\"https:\/\/www.dmsjuridica.com\/buscador_20179478954\/corteconstitucionalcronologico202454587\/t-751-12\/\" class=\"_self pt-cv-readmore btn btn-success\" target=\"_self\">Ver Sentencia Completa...<\/a><\/div><\/div><\/div><\/div>\n<div class=\"col-md-12 col-sm-12 col-xs-12 pt-cv-content-item pt-cv-1-col\" ><div class='pt-cv-ifield'><a href=\"https:\/\/www.dmsjuridica.com\/buscador_20179478954\/corteconstitucionalcronologico202454587\/t-750-12\/\" class=\"_self pt-cv-href-thumbnail pt-cv-thumb-default\" target=\"_self\" ><\/a>\n<div class=\"pt-cv-taxoterm above_title\"><a href='https:\/\/www.dmsjuridica.com\/buscador_20179478954\/corteconstitucionalcronologico202454587\/category\/buscar-en-toda-la-corte\/2012\/tutelas-2012\/' title='Tutelas 2012' class='pt-cv-tax-tutelas-2012'>Tutelas 2012<\/a><\/div>\n<h4 class=\"pt-cv-title\"><a href=\"https:\/\/www.dmsjuridica.com\/buscador_20179478954\/corteconstitucionalcronologico202454587\/t-750-12\/\" class=\"_self\" target=\"_self\" >T-750-12<\/a><\/h4>\n<div class=\"pt-cv-content\">\u00a0 \u00a0 Sentencia T-750\/12 \u00a0 ACCION DE TUTELA EN MATERIA PENSIONAL-Procedencia como mecanismo transitorio para evitar un perjuicio irremediable pese a la existencia de otros medios de defensa judicial \u00a0 \u00a0 \u00a0 INDEMNIZACION SUSTITUTIVA DE LA PENSION DE VEJEZ-Aportes al sistema de seguridad social efectuados antes de entrar en vigencia la Ley 100\/93 deben ser tenidos en cuenta para la liquidaci\u00f3n \u00a0 \u00a0 \u00a0 INDEMNIZACION SUSTITUTIVA DE LA PENSION DE VEJEZ-Ley 100\/93 no condiciono el reconocimiento o alg\u00fan l\u00edmite temporal \u00a0 \u00a0 \u00a0 INDEMNIZACION SUSTITUTIVA Y PROHIBICION DEL ENRIQUECIMIENTO SIN CAUSA-Retorno de cotizaciones efectuadas al sistema cuando usuario no cumple ...<br \/><div class=\"pt-cv-rmwrap\"><a href=\"https:\/\/www.dmsjuridica.com\/buscador_20179478954\/corteconstitucionalcronologico202454587\/t-750-12\/\" class=\"_self pt-cv-readmore btn btn-success\" target=\"_self\">Ver Sentencia Completa...<\/a><\/div><\/div><\/div><\/div>\n<div class=\"col-md-12 col-sm-12 col-xs-12 pt-cv-content-item pt-cv-1-col\" ><div class='pt-cv-ifield'><a href=\"https:\/\/www.dmsjuridica.com\/buscador_20179478954\/corteconstitucionalcronologico202454587\/t-749-12\/\" class=\"_self pt-cv-href-thumbnail pt-cv-thumb-default\" target=\"_self\" ><\/a>\n<div class=\"pt-cv-taxoterm above_title\"><a href='https:\/\/www.dmsjuridica.com\/buscador_20179478954\/corteconstitucionalcronologico202454587\/category\/buscar-en-toda-la-corte\/2012\/tutelas-2012\/' title='Tutelas 2012' class='pt-cv-tax-tutelas-2012'>Tutelas 2012<\/a><\/div>\n<h4 class=\"pt-cv-title\"><a href=\"https:\/\/www.dmsjuridica.com\/buscador_20179478954\/corteconstitucionalcronologico202454587\/t-749-12\/\" class=\"_self\" target=\"_self\" >T-749-12<\/a><\/h4>\n<div class=\"pt-cv-content\">\u00a0 \u00a0 Sentencia T-749\/12 \u00a0 ACCION DE TUTELA CONTRA EMPRESA DE SERVICIOS PUBLICOS DOMICILIARIOS-Acuerdo de pago estipulando plazos seg\u00fan situaci\u00f3n econ\u00f3mica que no afecte el m\u00ednimo vital y reinstalaci\u00f3n del servicio de acueducto \u00a0 \u00a0 \u00a0 DERECHO DE ACCEDER AL AGUA PARA EL CONSUMO HUMANO-Fundamental \u00a0 \u00a0 \u00a0 DERECHO AL AGUA-Car\u00e1cter fundamental \u00a0 \u00a0 \u00a0 EMPRESA DE SERVICIOS PUBLICOS DOMICILIARIOS Y SUJETOS DE ESPECIAL PROTECCION-Ejercicio del derecho legal de suspender el servicio de acueducto cuando usuario no paga facturas mensuales de consumo \u00a0 \u00a0 \u00a0 DERECHO AL AGUA-Protecci\u00f3n a trav\u00e9s de la acci\u00f3n de tutela cuando se trate del derecho ...<br \/><div class=\"pt-cv-rmwrap\"><a href=\"https:\/\/www.dmsjuridica.com\/buscador_20179478954\/corteconstitucionalcronologico202454587\/t-749-12\/\" class=\"_self pt-cv-readmore btn btn-success\" target=\"_self\">Ver Sentencia Completa...<\/a><\/div><\/div><\/div><\/div>\n<div class=\"col-md-12 col-sm-12 col-xs-12 pt-cv-content-item pt-cv-1-col\" ><div class='pt-cv-ifield'><a href=\"https:\/\/www.dmsjuridica.com\/buscador_20179478954\/corteconstitucionalcronologico202454587\/t-740-12\/\" class=\"_self pt-cv-href-thumbnail pt-cv-thumb-default\" target=\"_self\" ><\/a>\n<div class=\"pt-cv-taxoterm above_title\"><a href='https:\/\/www.dmsjuridica.com\/buscador_20179478954\/corteconstitucionalcronologico202454587\/category\/buscar-en-toda-la-corte\/2012\/tutelas-2012\/' title='Tutelas 2012' class='pt-cv-tax-tutelas-2012'>Tutelas 2012<\/a><\/div>\n<h4 class=\"pt-cv-title\"><a href=\"https:\/\/www.dmsjuridica.com\/buscador_20179478954\/corteconstitucionalcronologico202454587\/t-740-12\/\" class=\"_self\" target=\"_self\" >T-740-12<\/a><\/h4>\n<div class=\"pt-cv-content\">\u00a0 \u00a0 Sentencia T-740\/12 \u00a0 DERECHO A LA VIVIENDA DIGNA-Vulneraci\u00c3\u00b3n por no entrega real, material y efectiva de viviendas adjudicadas a beneficiarios de proyecto de vivienda de inter\u00c3\u00a9s social \u00a0 \u00a0 \u00a0 DERECHO A LA VIVIENDA DIGNA-Ambito internacional \u00a0 \u00a0 \u00a0 DERECHO A LA VIVIENDA DIGNA-Car\u00c3\u00a1cter fundamental y prestacional \u00a0 \u00a0 \u00a0 DERECHO FUNDAMENTAL A LA VIVIENDA DIGNA-Contenido, naturaleza, alcance y caracter\u00c3\u00adsticas \u00a0 \u00a0 \u00a0 VIVIENDA DIGNA-Requisitos \u00a0 \u00a0 \u00a0 VIVIENDA-Debe darse prioridad a los programas que la promuevan para hacer efectiva la asequibilidad \u00a0 \u00a0 \u00a0 DERECHO FUNDAMENTAL A LA VIVIENDA DIGNA-Debe desarrollarse de manera program\u00c3\u00a1tica y progresiva para ...<br \/><div class=\"pt-cv-rmwrap\"><a href=\"https:\/\/www.dmsjuridica.com\/buscador_20179478954\/corteconstitucionalcronologico202454587\/t-740-12\/\" class=\"_self pt-cv-readmore btn btn-success\" target=\"_self\">Ver Sentencia Completa...<\/a><\/div><\/div><\/div><\/div>\n<div class=\"col-md-12 col-sm-12 col-xs-12 pt-cv-content-item pt-cv-1-col\" ><div class='pt-cv-ifield'><a href=\"https:\/\/www.dmsjuridica.com\/buscador_20179478954\/corteconstitucionalcronologico202454587\/t-739-12\/\" class=\"_self pt-cv-href-thumbnail pt-cv-thumb-default\" target=\"_self\" ><\/a>\n<div class=\"pt-cv-taxoterm above_title\"><a href='https:\/\/www.dmsjuridica.com\/buscador_20179478954\/corteconstitucionalcronologico202454587\/category\/buscar-en-toda-la-corte\/2012\/tutelas-2012\/' title='Tutelas 2012' class='pt-cv-tax-tutelas-2012'>Tutelas 2012<\/a><\/div>\n<h4 class=\"pt-cv-title\"><a href=\"https:\/\/www.dmsjuridica.com\/buscador_20179478954\/corteconstitucionalcronologico202454587\/t-739-12\/\" class=\"_self\" target=\"_self\" >T-739-12<\/a><\/h4>\n<div class=\"pt-cv-content\">\u00a0 \u00a0 \u00a0 \u00a0 Sentencia T-739\/12 \u00a0 DERECHO DE LOS NI\u00d1OS A TENER UNA FAMILIA Y DESARROLLO INTEGRAL DE LOS MENORES-Procedibilidad de la acci\u00f3n de tutela \u00a0 DERECHO A LA UNIDAD FAMILIAR DE PERSONAS PRIVADAS DE LA LIBERTAD-Alcance de la garant\u00eda \u00a0 \u00a0 \u00a0 DERECHO A LA UNIDAD FAMILIAR DE PERSONAS PRIVADAS DE LA LIBERTAD-Restricci\u00f3n\/DERECHOS DEL INTERNO-No pueden ser menoscabados por el hecho de la prisi\u00f3n \u00a0 \u00a0 \u00a0 RELACIONES DE ESPECIAL SUJECION ENTRE LOS INTERNOS Y EL ESTADO-Consecuencias jur\u00eddicas \u00a0 \u00a0 \u00a0 FACULTAD DISCRECIONAL DEL INPEC PARA TRASLADAR A LOS RECLUSOS-Reiteraci\u00f3n de jurisprudencia \u00a0 \u00a0 \u00a0 FACULTAD DISCRECIONAL DEL ...<br \/><div class=\"pt-cv-rmwrap\"><a href=\"https:\/\/www.dmsjuridica.com\/buscador_20179478954\/corteconstitucionalcronologico202454587\/t-739-12\/\" class=\"_self pt-cv-readmore btn btn-success\" target=\"_self\">Ver Sentencia Completa...<\/a><\/div><\/div><\/div><\/div>\n<div class=\"col-md-12 col-sm-12 col-xs-12 pt-cv-content-item pt-cv-1-col\" ><div class='pt-cv-ifield'><a href=\"https:\/\/www.dmsjuridica.com\/buscador_20179478954\/corteconstitucionalcronologico202454587\/t-737-12\/\" class=\"_self pt-cv-href-thumbnail pt-cv-thumb-default\" target=\"_self\" ><\/a>\n<div class=\"pt-cv-taxoterm above_title\"><a href='https:\/\/www.dmsjuridica.com\/buscador_20179478954\/corteconstitucionalcronologico202454587\/category\/buscar-en-toda-la-corte\/2012\/tutelas-2012\/' title='Tutelas 2012' class='pt-cv-tax-tutelas-2012'>Tutelas 2012<\/a><\/div>\n<h4 class=\"pt-cv-title\"><a href=\"https:\/\/www.dmsjuridica.com\/buscador_20179478954\/corteconstitucionalcronologico202454587\/t-737-12\/\" class=\"_self\" target=\"_self\" >T-737-12<\/a><\/h4>\n<div class=\"pt-cv-content\">\u00a0 \u00a0 Sentencia T-737\/12\u00a0 \u00a0 ACCION DE TUTELA CONTRA PROVIDENCIAS JUDICIALES-Requisitos generales y espec\u00edficos de procedibilidad \u00a0 \u00a0 \u00a0 ACCION DE TUTELA CONTRA PROVIDENCIAS JUDICIALES-Concebida como juicio de validez no como juicio de correcci\u00f3n del fallo cuestionado \u00a0 \u00a0 \u00a0 DEFECTO ORGANICO-Falta de competencia del funcionario judicial \u00a0 \u00a0 \u00a0 DEFECTO PROCEDIMENTAL-Tipos dependiendo las garant\u00edas procesales \u00a0 \u00a0 \u00a0 DEFECTO PROCEDIMENTAL ABSOLUTO-Configuraci\u00f3n \u00a0 \u00a0 \u00a0 DEFECTO PROCEDIMENTAL POR EXCESO RITUAL MANIFIESTO-Estructuraci\u00f3n \u00a0 DEFECTO PROCEDIMENTAL ABSOLUTO Y POR EXCESO RITUAL-Elementos \u00a0 \u00a0 \u00a0 DEFECTO FACTICO-Configuraci\u00f3n \u00a0 \u00a0 \u00a0 DEFECTO FACTICO-Dimensi\u00f3n negativa y positiva\u00a0 \u00a0 \u00a0 \u00a0 DERECHO AL DEBIDO PROCESO-Valoraci\u00f3n de ...<br \/><div class=\"pt-cv-rmwrap\"><a href=\"https:\/\/www.dmsjuridica.com\/buscador_20179478954\/corteconstitucionalcronologico202454587\/t-737-12\/\" class=\"_self pt-cv-readmore btn btn-success\" target=\"_self\">Ver Sentencia Completa...<\/a><\/div><\/div><\/div><\/div>\n<div class=\"col-md-12 col-sm-12 col-xs-12 pt-cv-content-item pt-cv-1-col\" ><div class='pt-cv-ifield'><a href=\"https:\/\/www.dmsjuridica.com\/buscador_20179478954\/corteconstitucionalcronologico202454587\/t-736-12\/\" class=\"_self pt-cv-href-thumbnail pt-cv-thumb-default\" target=\"_self\" ><\/a>\n<div class=\"pt-cv-taxoterm above_title\"><a href='https:\/\/www.dmsjuridica.com\/buscador_20179478954\/corteconstitucionalcronologico202454587\/category\/buscar-en-toda-la-corte\/2012\/tutelas-2012\/' title='Tutelas 2012' class='pt-cv-tax-tutelas-2012'>Tutelas 2012<\/a><\/div>\n<h4 class=\"pt-cv-title\"><a href=\"https:\/\/www.dmsjuridica.com\/buscador_20179478954\/corteconstitucionalcronologico202454587\/t-736-12\/\" class=\"_self\" target=\"_self\" >T-736-12<\/a><\/h4>\n<div class=\"pt-cv-content\">\u00a0 \u00a0 \u00a0\u00a0 Sentencia T-736\/12 \u00a0 \u00a0(Bogot\u00e1, DC, Septiembre 24) \u00a0 ACCION DE TUTELA CONTRA PROVIDENCIAS JUDICIALES EN PROCESO DE REPARACION DIRECTA-Tasaci\u00f3n de perjuicios morales en materia de indemnizaci\u00f3n por responsabilidad del ICFES al presentar examen de idoneidad y aptitud en programa de extensi\u00f3n de derecho sin registro \u00a0 \u00a0 \u00a0 ACCION DE TUTELA CONTRA PROVIDENCIAS JUDICIALES-Reiteraci\u00f3n de jurisprudencia sobre procedencia excepcional \u00a0 \u00a0 \u00a0 ACCION DE TUTELA CONTRA PROVIDENCIAS JUDICIALES-Requisitos generales o formales de procedencia \u00a0 \u00a0 \u00a0 ACCION DE TUTELA CONTRA PROVIDENCIAS JUDICIALES-Causales gen\u00e9ricas de procedibilidad \u00a0 \u00a0 \u00a0 DA\u00d1O ANTIJURIDICO-Definici\u00f3n\/DA\u00d1O ANTIJURIDICO-Responsabilidad del Estado \u00a0 \u00a0 \u00a0 DA\u00d1O ...<br \/><div class=\"pt-cv-rmwrap\"><a href=\"https:\/\/www.dmsjuridica.com\/buscador_20179478954\/corteconstitucionalcronologico202454587\/t-736-12\/\" class=\"_self pt-cv-readmore btn btn-success\" target=\"_self\">Ver Sentencia Completa...<\/a><\/div><\/div><\/div><\/div>\n<div class=\"col-md-12 col-sm-12 col-xs-12 pt-cv-content-item pt-cv-1-col\" ><div class='pt-cv-ifield'><a href=\"https:\/\/www.dmsjuridica.com\/buscador_20179478954\/corteconstitucionalcronologico202454587\/t-735-12\/\" class=\"_self pt-cv-href-thumbnail pt-cv-thumb-default\" target=\"_self\" ><\/a>\n<div class=\"pt-cv-taxoterm above_title\"><a href='https:\/\/www.dmsjuridica.com\/buscador_20179478954\/corteconstitucionalcronologico202454587\/category\/buscar-en-toda-la-corte\/2012\/tutelas-2012\/' title='Tutelas 2012' class='pt-cv-tax-tutelas-2012'>Tutelas 2012<\/a><\/div>\n<h4 class=\"pt-cv-title\"><a href=\"https:\/\/www.dmsjuridica.com\/buscador_20179478954\/corteconstitucionalcronologico202454587\/t-735-12\/\" class=\"_self\" target=\"_self\" >T-735-12<\/a><\/h4>\n<div class=\"pt-cv-content\">\u00a0 \u00a0 Sentencia T-735\/12\u00a0 \u00a0 (Bogot\u00e1, D.C., septiembre 24) \u00a0 DERECHO DE ASOCIACION SINDICAL-Alcance \u00a0 VULNERACION DEL DERECHO DE ASOCIACION SINDICAL-Reiteraci\u00f3n de jurisprudencia \u00a0 VULNERACION DEL DERECHO DE ASOCIACION SINDICAL-Despido sin justa causa \u00a0 El juez constitucional debe determinar si la conducta desplegada por el empleador vulnera los derechos fundamentales de los afiliados a un sindicato, correspondi\u00e9ndole, en cada caso concreto, hacer una valoraci\u00f3n en conjunto de los distintos factores concurrentes, para definir si las actuaciones del empleador constituyen una conducta antisindical. \u00a0 CONTRATO LABORAL-Terminaci\u00f3n unilateral del contrato de trabajo \u00a0 ACCION DE TUTELA PARA REINTEGRO AL CARGO DE TRABAJADOR ...<br \/><div class=\"pt-cv-rmwrap\"><a href=\"https:\/\/www.dmsjuridica.com\/buscador_20179478954\/corteconstitucionalcronologico202454587\/t-735-12\/\" class=\"_self pt-cv-readmore btn btn-success\" target=\"_self\">Ver Sentencia Completa...<\/a><\/div><\/div><\/div><\/div>\n<div class=\"col-md-12 col-sm-12 col-xs-12 pt-cv-content-item pt-cv-1-col\" ><div class='pt-cv-ifield'><a href=\"https:\/\/www.dmsjuridica.com\/buscador_20179478954\/corteconstitucionalcronologico202454587\/t-733-12\/\" class=\"_self pt-cv-href-thumbnail pt-cv-thumb-default\" target=\"_self\" ><\/a>\n<div class=\"pt-cv-taxoterm above_title\"><a href='https:\/\/www.dmsjuridica.com\/buscador_20179478954\/corteconstitucionalcronologico202454587\/category\/buscar-en-toda-la-corte\/2012\/tutelas-2012\/' title='Tutelas 2012' class='pt-cv-tax-tutelas-2012'>Tutelas 2012<\/a><\/div>\n<h4 class=\"pt-cv-title\"><a href=\"https:\/\/www.dmsjuridica.com\/buscador_20179478954\/corteconstitucionalcronologico202454587\/t-733-12\/\" class=\"_self\" target=\"_self\" >T-733-12<\/a><\/h4>\n<div class=\"pt-cv-content\">\u00a0 \u00a0 Sentencia T-733\/12 \u00a0 (Bogot\u00e1 D.C, septiembre 21) \u00a0 DERECHO A LA VIVIENDA DIGNA-Car\u00e1cter prestacional \u00a0 \u00a0 \u00a0 ACCION DE TUTELA-Procedencia cuando vulneraci\u00f3n ponga en peligro la vida e integridad de habitantes por fallas estructurales o defectos en inmueble\/ACCION DE TUTELA-Improcedencia para obtener pagos o indemnizaciones por da\u00f1os causados en inmueble \u00a0 \u00a0 \u00a0 ACCION DE TUTELA CONTRA PARTICULARES-Procedencia cuando por acci\u00f3n u omisi\u00f3n se ponga en peligro a personas en situaci\u00f3n de subordinaci\u00f3n o indefensi\u00f3n \u00a0 \u00a0 \u00a0 SUBSIDIARIDAD DE LA ACCION DE TUTELA-Procedencia como mecanismo transitorio para evitar un perjuicio irremediable pese a la existencia de otros ...<br \/><div class=\"pt-cv-rmwrap\"><a href=\"https:\/\/www.dmsjuridica.com\/buscador_20179478954\/corteconstitucionalcronologico202454587\/t-733-12\/\" class=\"_self pt-cv-readmore btn btn-success\" target=\"_self\">Ver Sentencia Completa...<\/a><\/div><\/div><\/div><\/div>\n<div class=\"col-md-12 col-sm-12 col-xs-12 pt-cv-content-item pt-cv-1-col\" ><div class='pt-cv-ifield'><a href=\"https:\/\/www.dmsjuridica.com\/buscador_20179478954\/corteconstitucionalcronologico202454587\/t-732-12\/\" class=\"_self pt-cv-href-thumbnail pt-cv-thumb-default\" target=\"_self\" ><\/a>\n<div class=\"pt-cv-taxoterm above_title\"><a href='https:\/\/www.dmsjuridica.com\/buscador_20179478954\/corteconstitucionalcronologico202454587\/category\/buscar-en-toda-la-corte\/2012\/tutelas-2012\/' title='Tutelas 2012' class='pt-cv-tax-tutelas-2012'>Tutelas 2012<\/a><\/div>\n<h4 class=\"pt-cv-title\"><a href=\"https:\/\/www.dmsjuridica.com\/buscador_20179478954\/corteconstitucionalcronologico202454587\/t-732-12\/\" class=\"_self\" target=\"_self\" >T-732-12<\/a><\/h4>\n<div class=\"pt-cv-content\">ACCION DE TUTELA PARA RECONOCIMIENTO DE PRESTACIONES SOCIALES EN MATERIA PENSIONAL-Procedencia excepcional \u00a0 \u00a0 \u00a0 SEGURIDAD SOCIAL-Servicio p\u00fablico obligatorio \u00a0 \u00a0 \u00a0 PENSION DE SOBREVIVIENTES-Finalidad \u00a0 \u00a0 \u00a0 RECONOCIMIENTO DE LA PENSION DE SOBREVIVIENTES-Requisitos seg\u00fan Ley 797\/03 \u00a0 \u00a0 \u00a0 PENSION DE SOBREVIVIENTES-Beneficiarios en el r\u00e9gimen solidario de prima media con prestaci\u00f3n definida \u00a0 \u00a0 \u00a0 RECONOCIMIENTO DE LA PENSION DE SOBREVIVIENTES A PERSONAS DE LA TERCERA EDAD COMO SUJETOS DE ESPECIAL PROTECCION-Relevancia constitucional \u00a0 \u00a0 \u00a0 PRINCIPIO DE PROTECCION REFORZADA DE PERSONAS DE LA TERCERA EDAD-Obligatoriedad \u00a0 \u00a0 \u00a0 DERECHO A LA SEGURIDAD SOCIAL Y PRINCIPIO DE PROGRESIVIDAD SOCIAL-Naturaleza ...<br \/><div class=\"pt-cv-rmwrap\"><a href=\"https:\/\/www.dmsjuridica.com\/buscador_20179478954\/corteconstitucionalcronologico202454587\/t-732-12\/\" class=\"_self pt-cv-readmore btn btn-success\" target=\"_self\">Ver Sentencia Completa...<\/a><\/div><\/div><\/div><\/div>\n<div class=\"col-md-12 col-sm-12 col-xs-12 pt-cv-content-item pt-cv-1-col\" ><div class='pt-cv-ifield'><a href=\"https:\/\/www.dmsjuridica.com\/buscador_20179478954\/corteconstitucionalcronologico202454587\/t-731-12\/\" class=\"_self pt-cv-href-thumbnail pt-cv-thumb-default\" target=\"_self\" ><\/a>\n<div class=\"pt-cv-taxoterm above_title\"><a href='https:\/\/www.dmsjuridica.com\/buscador_20179478954\/corteconstitucionalcronologico202454587\/category\/buscar-en-toda-la-corte\/2012\/tutelas-2012\/' title='Tutelas 2012' class='pt-cv-tax-tutelas-2012'>Tutelas 2012<\/a><\/div>\n<h4 class=\"pt-cv-title\"><a href=\"https:\/\/www.dmsjuridica.com\/buscador_20179478954\/corteconstitucionalcronologico202454587\/t-731-12\/\" class=\"_self\" target=\"_self\" >T-731-12<\/a><\/h4>\n<div class=\"pt-cv-content\">\u00a0 \u00a0 Sentencia T-731\/12 \u00a0 TEMERIDAD EN LA ACCION DE TUTELA-Inexistencia por hechos nuevos \u00a0 \u00a0 \u00a0 ACCION DE TUTELA CONTRA EPS-Solicitud cambio de instituci\u00f3n para realizaci\u00f3n de terapias y tratamientos que recibe hijo menor de edad con par\u00e1lisis cerebral \u00a0 \u00a0 \u00a0 MENORES DE EDAD-Protecci\u00f3n constitucional reforzada \u00a0 \u00a0 \u00a0 DERECHOS DE LOS NI\u00d1OS Y NI\u00d1AS-Car\u00e1cter prevalente \u00a0 \u00a0 \u00a0 DERECHOS DE NI\u00d1OS Y NI\u00d1AS EN SITUACION DE DISCAPACIDAD-Protecci\u00f3n reforzada \u00a0 ACCIONES AFIRMATIVAS-Garantiza el goce efectivo de derechos fundamentales a personas en situaci\u00f3n de discapacidad \u00a0 \u00a0 \u00a0 DERECHO A LA SALUD DE NI\u00d1OS Y NI\u00d1AS EN SITUACION DE ...<br \/><div class=\"pt-cv-rmwrap\"><a href=\"https:\/\/www.dmsjuridica.com\/buscador_20179478954\/corteconstitucionalcronologico202454587\/t-731-12\/\" class=\"_self pt-cv-readmore btn btn-success\" target=\"_self\">Ver Sentencia Completa...<\/a><\/div><\/div><\/div><\/div>\n<div class=\"col-md-12 col-sm-12 col-xs-12 pt-cv-content-item pt-cv-1-col\" ><div class='pt-cv-ifield'><a href=\"https:\/\/www.dmsjuridica.com\/buscador_20179478954\/corteconstitucionalcronologico202454587\/t-730-12\/\" class=\"_self pt-cv-href-thumbnail pt-cv-thumb-default\" target=\"_self\" ><\/a>\n<div class=\"pt-cv-taxoterm above_title\"><a href='https:\/\/www.dmsjuridica.com\/buscador_20179478954\/corteconstitucionalcronologico202454587\/category\/buscar-en-toda-la-corte\/2012\/tutelas-2012\/' title='Tutelas 2012' class='pt-cv-tax-tutelas-2012'>Tutelas 2012<\/a><\/div>\n<h4 class=\"pt-cv-title\"><a href=\"https:\/\/www.dmsjuridica.com\/buscador_20179478954\/corteconstitucionalcronologico202454587\/t-730-12\/\" class=\"_self\" target=\"_self\" >T-730-12<\/a><\/h4>\n<div class=\"pt-cv-content\">\u00a0 \u00a0 Sentencia T-730\/12 \u00a0 ACCION DE TUTELA DE ESTUDIANTE Y JOVEN INTERDICTO CONTRA INSTITUTO DE SEGUROS SOCIALES-Suspensi\u00f3n del reconocimiento y pago de pensi\u00f3n de sobrevivientes \u00a0 \u00a0 \u00a0 DERECHO A LA SEGURIDAD SOCIAL-Fundamental e irrenunciable \u00a0 \u00a0 \u00a0 DERECHO A LA SEGURIDAD SOCIAL-Procedencia excepcional de tutela \u00a0 \u00a0 \u00a0 DERECHO A LA SEGURIDAD SOCIAL-Reconocimiento del car\u00e1cter fundamental en el \u00e1mbito internacional \u00a0 DERECHOS ECONOMICOS, SOCIALES Y CULTURALES-Protecci\u00f3n a trav\u00e9s de la acci\u00f3n de tutela \u00a0 \u00a0 \u00a0 DERECHO A LA SEGURIDAD SOCIAL EN MATERIA PENSIONAL-Fundamental \u00a0 \u00a0 \u00a0 DERECHO AL RECONOCIMIENTO Y PAGO DE LA PENSION DE SOBREVIVIENTE-Protecci\u00f3n \u00a0 ...<br \/><div class=\"pt-cv-rmwrap\"><a href=\"https:\/\/www.dmsjuridica.com\/buscador_20179478954\/corteconstitucionalcronologico202454587\/t-730-12\/\" class=\"_self pt-cv-readmore btn btn-success\" target=\"_self\">Ver Sentencia Completa...<\/a><\/div><\/div><\/div><\/div>\n<div class=\"col-md-12 col-sm-12 col-xs-12 pt-cv-content-item pt-cv-1-col\" ><div class='pt-cv-ifield'><a href=\"https:\/\/www.dmsjuridica.com\/buscador_20179478954\/corteconstitucionalcronologico202454587\/t-729-12\/\" class=\"_self pt-cv-href-thumbnail pt-cv-thumb-default\" target=\"_self\" ><\/a>\n<div class=\"pt-cv-taxoterm above_title\"><a href='https:\/\/www.dmsjuridica.com\/buscador_20179478954\/corteconstitucionalcronologico202454587\/category\/buscar-en-toda-la-corte\/2012\/tutelas-2012\/' title='Tutelas 2012' class='pt-cv-tax-tutelas-2012'>Tutelas 2012<\/a><\/div>\n<h4 class=\"pt-cv-title\"><a href=\"https:\/\/www.dmsjuridica.com\/buscador_20179478954\/corteconstitucionalcronologico202454587\/t-729-12\/\" class=\"_self\" target=\"_self\" >T-729-12<\/a><\/h4>\n<div class=\"pt-cv-content\">\u00a0 \u00a0 Sentencia T-729\/12 \u00a0 ACCION DE TUTELA CONTRA EPS Y FONDO DE PENSIONES-No reconocimiento de incapacidades laborales expedidas por m\u00e9dico tratante superiores a 180 d\u00edas por enfermedad de origen com\u00fan \u00a0 \u00a0 \u00a0 DERECHO A LA SEGURIDAD SOCIAL-Fundamental \u00a0 \u00a0 \u00a0 ACCION DE TUTELA-Procedencia excepcional para el pago de incapacidades laborales \u00a0 \u00a0 \u00a0 DERECHO A LA SEGURIDAD SOCIAL-Ambito internacional \u00a0 \u00a0 \u00a0 DERECHO A LA SEGURIDAD SOCIAL-Protecci\u00f3n de personas que est\u00e1n en imposibilidad f\u00edsica o mental para obtener medios de subsistencia por vejez, desempleo o enfermedad o incapacidad laboral que les permitan llevar una vida digna \u00a0 \u00a0 ...<br \/><div class=\"pt-cv-rmwrap\"><a href=\"https:\/\/www.dmsjuridica.com\/buscador_20179478954\/corteconstitucionalcronologico202454587\/t-729-12\/\" class=\"_self pt-cv-readmore btn btn-success\" target=\"_self\">Ver Sentencia Completa...<\/a><\/div><\/div><\/div><\/div>\n<div class=\"col-md-12 col-sm-12 col-xs-12 pt-cv-content-item pt-cv-1-col\" ><div class='pt-cv-ifield'><a href=\"https:\/\/www.dmsjuridica.com\/buscador_20179478954\/corteconstitucionalcronologico202454587\/t-728-12\/\" class=\"_self pt-cv-href-thumbnail pt-cv-thumb-default\" target=\"_self\" ><\/a>\n<div class=\"pt-cv-taxoterm above_title\"><a href='https:\/\/www.dmsjuridica.com\/buscador_20179478954\/corteconstitucionalcronologico202454587\/category\/buscar-en-toda-la-corte\/2012\/tutelas-2012\/' title='Tutelas 2012' class='pt-cv-tax-tutelas-2012'>Tutelas 2012<\/a><\/div>\n<h4 class=\"pt-cv-title\"><a href=\"https:\/\/www.dmsjuridica.com\/buscador_20179478954\/corteconstitucionalcronologico202454587\/t-728-12\/\" class=\"_self\" target=\"_self\" >T-728-12<\/a><\/h4>\n<div class=\"pt-cv-content\">\u00a0 \u00a0 Sentencia T-728\/12 \u00a0 LEGITIMACION EN LA CAUSA PARA PROMOVER ACCION DE TUTELA-Agencia de derechos ajenos \u00a0 \u00a0 \u00a0 DERECHO FUNDAMENTAL A LA SALUD-Reiteraci\u00f3n de jurisprudencia \u00a0 \u00a0 \u00a0 ACCION DE TUTELA PARA SUMINISTRO DE MEDICAMENTOS INCLUIDOS Y EXCLUIDOS DEL POS-Reiteraci\u00f3n de jurisprudencia \u00a0 \u00a0 \u00a0 \u00a0 \u00a0 SUMINISTRO DE MEDICAMENTOS EXCLUIDOS DEL POS-Tr\u00e1mite ante Secretaria Departamental de salud \u00a0 \u00a0 \u00a0 SUMINISTRO DE MEDICAMENTOS EXCLUIDOS DEL POS POR EPS-Prestaci\u00f3n con cargo a sus recursos cuando servicio sea urgente o se trate de sujetos de especial protecci\u00f3n constitucional \u00a0 \u00a0 \u00a0 PLAN OBLIGATORIO DE SALUD DE REGIMEN CONTRIBUTIVO-Subreglas de ...<br \/><div class=\"pt-cv-rmwrap\"><a href=\"https:\/\/www.dmsjuridica.com\/buscador_20179478954\/corteconstitucionalcronologico202454587\/t-728-12\/\" class=\"_self pt-cv-readmore btn btn-success\" target=\"_self\">Ver Sentencia Completa...<\/a><\/div><\/div><\/div><\/div>\n<div class=\"col-md-12 col-sm-12 col-xs-12 pt-cv-content-item pt-cv-1-col\" ><div class='pt-cv-ifield'><a href=\"https:\/\/www.dmsjuridica.com\/buscador_20179478954\/corteconstitucionalcronologico202454587\/t-727-12\/\" class=\"_self pt-cv-href-thumbnail pt-cv-thumb-default\" target=\"_self\" ><\/a>\n<div class=\"pt-cv-taxoterm above_title\"><a href='https:\/\/www.dmsjuridica.com\/buscador_20179478954\/corteconstitucionalcronologico202454587\/category\/buscar-en-toda-la-corte\/2012\/tutelas-2012\/' title='Tutelas 2012' class='pt-cv-tax-tutelas-2012'>Tutelas 2012<\/a><\/div>\n<h4 class=\"pt-cv-title\"><a href=\"https:\/\/www.dmsjuridica.com\/buscador_20179478954\/corteconstitucionalcronologico202454587\/t-727-12\/\" class=\"_self\" target=\"_self\" >T-727-12<\/a><\/h4>\n<div class=\"pt-cv-content\">\u00a0 \u00a0 Sentencia T-727\/12 \u00a0 LEGITIMACION POR ACTIVA Y AGENCIA OFICIOSA DE MENOR DE EDAD-No existe certeza de la condici\u00f3n de madre y representante legal \u00a0 \u00a0 \u00a0 AGENCIA OFICIOSA EN TUTELA-Lineamientos para su ejercicio \u00a0 AGENCIA OFICIOSA EN TUTELA-Condiciones y requisitos \u00a0 \u00a0 \u00a0 DERECHO A LA SALUD-Fundamental aut\u00f3nomo \u00a0 \u00a0 \u00a0 DERECHO A LA SALUD-Protecci\u00f3n mediante acci\u00f3n de tutela \u00a0 \u00a0 \u00a0 DERECHO A LA SALUD-Acceso a servicios que se requieran por conexidad con la vida digna e integridad personal \u00a0 \u00a0 \u00a0 DERECHO A LA SALUD DE MENOR DE EDAD-Fundamental y prevalente \u00a0 \u00a0 \u00a0 DERECHO A ...<br \/><div class=\"pt-cv-rmwrap\"><a href=\"https:\/\/www.dmsjuridica.com\/buscador_20179478954\/corteconstitucionalcronologico202454587\/t-727-12\/\" class=\"_self pt-cv-readmore btn btn-success\" target=\"_self\">Ver Sentencia Completa...<\/a><\/div><\/div><\/div><\/div>\n<div class=\"col-md-12 col-sm-12 col-xs-12 pt-cv-content-item pt-cv-1-col\" ><div class='pt-cv-ifield'><a href=\"https:\/\/www.dmsjuridica.com\/buscador_20179478954\/corteconstitucionalcronologico202454587\/t-726-12\/\" class=\"_self pt-cv-href-thumbnail pt-cv-thumb-default\" target=\"_self\" ><\/a>\n<div class=\"pt-cv-taxoterm above_title\"><a href='https:\/\/www.dmsjuridica.com\/buscador_20179478954\/corteconstitucionalcronologico202454587\/category\/buscar-en-toda-la-corte\/2012\/tutelas-2012\/' title='Tutelas 2012' class='pt-cv-tax-tutelas-2012'>Tutelas 2012<\/a><\/div>\n<h4 class=\"pt-cv-title\"><a href=\"https:\/\/www.dmsjuridica.com\/buscador_20179478954\/corteconstitucionalcronologico202454587\/t-726-12\/\" class=\"_self\" target=\"_self\" >T-726-12<\/a><\/h4>\n<div class=\"pt-cv-content\">\u00a0 \u00a0 Sentencia T-726\/12 \u00a0 DEBER INEXCUSABLE DE MOTIVAR ACTOS ADMINISTRATIVOS QUE DECLARAN LA INSUBSISTENCIA DE TRABAJADOR NOMBRADO EN PROVISIONALIDAD EN CARGOS DE CARRERA-Reiteraci\u00f3n de jurisprudencia \u00a0 \u00a0 \u00a0 ACCION DE TUTELA CONTRA PROVIDENCIAS JUDICIALES QUE DESCONOCEN EL DEBER DE MOTIVACION DE ACTOS DE RETIRO DE SERVIDORES PUBLICOS NOMBRADOS EN PROVISIONALIDAD EN CARGOS DE CARRERA-Reiteraci\u00f3n de jurisprudencia \u00a0 \u00a0 \u00a0 ACCION DE TUTELA CONTRA PROVIDENCIAS JUDICIALES-Procedencia excepcional \u00a0 \u00a0 \u00a0 ACCION DE TUTELA POR ACCION U OMISION DE AUTORIDAD PUBLICA-Procedencia \u00a0 \u00a0 \u00a0 ACCION DE TUTELA POR ACCION U OMISION DE AUTORIDAD PUBLICA-Procedencia seg\u00fan jurisprudencia del Consejo de Estado \u00a0 ...<br \/><div class=\"pt-cv-rmwrap\"><a href=\"https:\/\/www.dmsjuridica.com\/buscador_20179478954\/corteconstitucionalcronologico202454587\/t-726-12\/\" class=\"_self pt-cv-readmore btn btn-success\" target=\"_self\">Ver Sentencia Completa...<\/a><\/div><\/div><\/div><\/div>\n<div class=\"col-md-12 col-sm-12 col-xs-12 pt-cv-content-item pt-cv-1-col\" ><div class='pt-cv-ifield'><a href=\"https:\/\/www.dmsjuridica.com\/buscador_20179478954\/corteconstitucionalcronologico202454587\/t-725-12\/\" class=\"_self pt-cv-href-thumbnail pt-cv-thumb-default\" target=\"_self\" ><\/a>\n<div class=\"pt-cv-taxoterm above_title\"><a href='https:\/\/www.dmsjuridica.com\/buscador_20179478954\/corteconstitucionalcronologico202454587\/category\/buscar-en-toda-la-corte\/2012\/tutelas-2012\/' title='Tutelas 2012' class='pt-cv-tax-tutelas-2012'>Tutelas 2012<\/a><\/div>\n<h4 class=\"pt-cv-title\"><a href=\"https:\/\/www.dmsjuridica.com\/buscador_20179478954\/corteconstitucionalcronologico202454587\/t-725-12\/\" class=\"_self\" target=\"_self\" >T-725-12<\/a><\/h4>\n<div class=\"pt-cv-content\">\u00a0 \u00a0 Sentencia T-725\/12 \u00a0 DERECHO FUNDAMENTAL DE PETICION-Reiteraci\u00f3n de jurisprudencia \u00a0 \u00a0 \u00a0 DERECHO DE PETICION-N\u00facleo esencial \u00a0 \u00a0 \u00a0 DERECHO DE PETICION ANTE ENTIDADES PRIVADAS-Reglas jurisprudenciales \u00a0 \u00a0 \u00a0 ACCION DE TUTELA CONTRA PARTICULAR QUE PRESTA SERVICIO PUBLICO DE EDUCACION-Procedencia \u00a0 \u00a0 \u00a0 DERECHO FUNDAMENTAL A LA EDUCACION-Reiteraci\u00f3n de jurisprudencia \u00a0 \u00a0 \u00a0 DERECHO FUNDAMENTAL A LA EDUCACION-Caracter\u00edsticas principales \u00a0 \u00a0 \u00a0 CARENCIA ACTUAL DE OBJETO-Eventos \u00a0 \u00a0 \u00a0 ACCION DE TUTELA CONTRA INSTITUCION EDUCATIVA-Carencia actual de objeto por hecho superado al registrar a estudiante graduado con t\u00edtulo de bachiller acad\u00e9mico \u00a0 \u00a0 \u00a0 ACCION DE TUTELA CONTRA ...<br \/><div class=\"pt-cv-rmwrap\"><a href=\"https:\/\/www.dmsjuridica.com\/buscador_20179478954\/corteconstitucionalcronologico202454587\/t-725-12\/\" class=\"_self pt-cv-readmore btn btn-success\" target=\"_self\">Ver Sentencia Completa...<\/a><\/div><\/div><\/div><\/div>\n<div class=\"col-md-12 col-sm-12 col-xs-12 pt-cv-content-item pt-cv-1-col\" ><div class='pt-cv-ifield'><a href=\"https:\/\/www.dmsjuridica.com\/buscador_20179478954\/corteconstitucionalcronologico202454587\/t-724-12\/\" class=\"_self pt-cv-href-thumbnail pt-cv-thumb-default\" target=\"_self\" ><\/a>\n<div class=\"pt-cv-taxoterm above_title\"><a href='https:\/\/www.dmsjuridica.com\/buscador_20179478954\/corteconstitucionalcronologico202454587\/category\/buscar-en-toda-la-corte\/2012\/tutelas-2012\/' title='Tutelas 2012' class='pt-cv-tax-tutelas-2012'>Tutelas 2012<\/a><\/div>\n<h4 class=\"pt-cv-title\"><a href=\"https:\/\/www.dmsjuridica.com\/buscador_20179478954\/corteconstitucionalcronologico202454587\/t-724-12\/\" class=\"_self\" target=\"_self\" >T-724-12<\/a><\/h4>\n<div class=\"pt-cv-content\">\u00a0 \u00a0 Sentencia T-724\/12 \u00a0 ACCION DE TUTELA PARA LA PROTECCION DE LOS DERECHOS FUNDAMENTALES DE LA POBLACION DESPLAZADA-Reiteraci\u00f3n de jurisprudencia \u00a0 \u00a0 \u00a0 DERECHO A LA VIVIENDA DIGNA, AL RETORNO Y REUBICACION DE LA POBLACION DESPLAZADA-Reiteraci\u00f3n de jurisprudencia \u00a0 \u00a0 \u00a0 POBLACION DESPLAZADA-Sujetos de especial protecci\u00f3n constitucional \u00a0 \u00a0 \u00a0 DERECHO A LA VIVIENDA DIGNA DE POBLACION DESPLAZADA-Protecci\u00f3n \u00a0 \u00a0 \u00a0 PERSONAS EN SITUACION DE DESPLAZAMIENTO FORZADO-Trato igual en la entrega de subsidios familiares de vivienda \u00a0 \u00a0 \u00a0 \u00a0 \u00a0 DERECHO A LA VIVIENDA DIGNA, AL RETORNO Y REUBICACION DE POBLACION DESPLAZADA-Violaci\u00f3n al negar acceso a subsidio de ...<br \/><div class=\"pt-cv-rmwrap\"><a href=\"https:\/\/www.dmsjuridica.com\/buscador_20179478954\/corteconstitucionalcronologico202454587\/t-724-12\/\" class=\"_self pt-cv-readmore btn btn-success\" target=\"_self\">Ver Sentencia Completa...<\/a><\/div><\/div><\/div><\/div>\n<div class=\"col-md-12 col-sm-12 col-xs-12 pt-cv-content-item pt-cv-1-col\" ><div class='pt-cv-ifield'><a href=\"https:\/\/www.dmsjuridica.com\/buscador_20179478954\/corteconstitucionalcronologico202454587\/t-723-12\/\" class=\"_self pt-cv-href-thumbnail pt-cv-thumb-default\" target=\"_self\" ><\/a>\n<div class=\"pt-cv-taxoterm above_title\"><a href='https:\/\/www.dmsjuridica.com\/buscador_20179478954\/corteconstitucionalcronologico202454587\/category\/buscar-en-toda-la-corte\/2012\/tutelas-2012\/' title='Tutelas 2012' class='pt-cv-tax-tutelas-2012'>Tutelas 2012<\/a><\/div>\n<h4 class=\"pt-cv-title\"><a href=\"https:\/\/www.dmsjuridica.com\/buscador_20179478954\/corteconstitucionalcronologico202454587\/t-723-12\/\" class=\"_self\" target=\"_self\" >T-723-12<\/a><\/h4>\n<div class=\"pt-cv-content\">\u00a0 \u00a0 Sentencia T-723\/12 \u00a0 ACCION DE TUTELA DE MADRE DE MENOR DE EDAD CONTRA INSTITUTO COLOMBIANO DE BIENESTAR FAMILIAR-No permiso para permanecer con hijo durante proceso de restablecimiento de derechos \u00a0 \u00a0 \u00a0 PROCESO DE RESTABLECIMIENTO DE DERECHOS A FAVOR DE MENOR DE EDAD-Definici\u00f3n de situaci\u00f3n jur\u00eddica \u00a0 \u00a0 \u00a0 DERECHO DE LOS NI\u00d1OS A TENER UNA FAMILIA Y NO SER SEPARADOS DE ELLA-Fundamental y prevalente \u00a0 \u00a0 \u00a0 CARENCIA ACTUAL DE OBJETO-Eventos \u00a0 \u00a0 \u00a0 ACCION DE TUTELA DE MADRE DE MENOR DE EDAD CONTRA INSTITUTO COLOMBIANO DE BIENESTAR FAMILIAR-Carencia actual de objeto por hecho superado por terminaci\u00f3n ...<br \/><div class=\"pt-cv-rmwrap\"><a href=\"https:\/\/www.dmsjuridica.com\/buscador_20179478954\/corteconstitucionalcronologico202454587\/t-723-12\/\" class=\"_self pt-cv-readmore btn btn-success\" target=\"_self\">Ver Sentencia Completa...<\/a><\/div><\/div><\/div><\/div>\n<div class=\"col-md-12 col-sm-12 col-xs-12 pt-cv-content-item pt-cv-1-col\" ><div class='pt-cv-ifield'><a href=\"https:\/\/www.dmsjuridica.com\/buscador_20179478954\/corteconstitucionalcronologico202454587\/t-722-12\/\" class=\"_self pt-cv-href-thumbnail pt-cv-thumb-default\" target=\"_self\" ><\/a>\n<div class=\"pt-cv-taxoterm above_title\"><a href='https:\/\/www.dmsjuridica.com\/buscador_20179478954\/corteconstitucionalcronologico202454587\/category\/buscar-en-toda-la-corte\/2012\/tutelas-2012\/' title='Tutelas 2012' class='pt-cv-tax-tutelas-2012'>Tutelas 2012<\/a><\/div>\n<h4 class=\"pt-cv-title\"><a href=\"https:\/\/www.dmsjuridica.com\/buscador_20179478954\/corteconstitucionalcronologico202454587\/t-722-12\/\" class=\"_self\" target=\"_self\" >T-722-12<\/a><\/h4>\n<div class=\"pt-cv-content\">\u00a0 \u00a0 Sentencia T-722\/12 \u00a0 ACCION DE TUTELA CONTRA PROVIDENCIAS JUDICIALES-Reiteraci\u00f3n de jurisprudencia sobre procedencia excepcional \u00a0 \u00a0 \u00a0 ACCION DE TUTELA CONTRA PROVIDENCIAS JUDICIALES-Requisitos generales y espec\u00edficos de procedencia \u00a0 \u00a0 \u00a0 PRINCIPIO DE BUENA FE, CONFIANZA LEGITIMA Y RESPETO DEL ACTO PROPIO EN MATERIA PENSIONAL-Reiteraci\u00f3n de jurisprudencia \u00a0 \u00a0 \u00a0 PRINCIPIO DE RESPETO DEL ACTO PROPIO-Administraci\u00f3n no puede modificar actos que expide sin mediar raz\u00f3n alguna y sin procedimientos determinados por la ley \u00a0 \u00a0 \u00a0 DERECHO AL MINIMO VITAL, DEBIDO PROCESO, SEGURIDAD SOCIAL Y VIDA DIGNA Y PRINCIPIO DE RESPETO DEL ACTO PROPIO-Vulneraci\u00f3n por expedir cuatro resoluciones ...<br \/><div class=\"pt-cv-rmwrap\"><a href=\"https:\/\/www.dmsjuridica.com\/buscador_20179478954\/corteconstitucionalcronologico202454587\/t-722-12\/\" class=\"_self pt-cv-readmore btn btn-success\" target=\"_self\">Ver Sentencia Completa...<\/a><\/div><\/div><\/div><\/div>\n<div class=\"col-md-12 col-sm-12 col-xs-12 pt-cv-content-item pt-cv-1-col\" ><div class='pt-cv-ifield'><a href=\"https:\/\/www.dmsjuridica.com\/buscador_20179478954\/corteconstitucionalcronologico202454587\/t-721-12\/\" class=\"_self pt-cv-href-thumbnail pt-cv-thumb-default\" target=\"_self\" ><\/a>\n<div class=\"pt-cv-taxoterm above_title\"><a href='https:\/\/www.dmsjuridica.com\/buscador_20179478954\/corteconstitucionalcronologico202454587\/category\/buscar-en-toda-la-corte\/2012\/tutelas-2012\/' title='Tutelas 2012' class='pt-cv-tax-tutelas-2012'>Tutelas 2012<\/a><\/div>\n<h4 class=\"pt-cv-title\"><a href=\"https:\/\/www.dmsjuridica.com\/buscador_20179478954\/corteconstitucionalcronologico202454587\/t-721-12\/\" class=\"_self\" target=\"_self\" >T-721-12<\/a><\/h4>\n<div class=\"pt-cv-content\">\u00a0 \u00a0 {p} \u00a0 Sentencia T-721\/12 \u00a0 ACCION DE TUTELA DE AYUDANTE DE CONSTRUCCION CONTRA ARP-No reconocimiento de pensi\u00f3n de invalidez por retiro por empleador y desafiliaci\u00f3n un d\u00eda antes de sufrir accidente de trabajo y p\u00e9rdida de capacidad laboral del 68.10% \u00a0 \u00a0 \u00a0 ACCION DE TUTELA PARA RECONOCIMIENTO DE PENSION DE INVALIDEZ-Reiteraci\u00f3n de jurisprudencia sobre procedencia excepcional \u00a0 \u00a0 \u00a0 ACCION DE TUTELA PARA RECLAMAR DERECHOS PENSIONALES Y FALTA DE IDONEIDAD DE MEDIOS ORDINARIOS DE PROTECCION-Sujetos de especial protecci\u00f3n constitucional y perjuicio irremediable \u00a0 \u00a0 \u00a0 RECONOCIMIENTO Y PAGO DE PENSION DE INVALIDEZ DE ORIGEN PROFESIONAL-Obligaci\u00f3n de administradoras ...<br \/><div class=\"pt-cv-rmwrap\"><a href=\"https:\/\/www.dmsjuridica.com\/buscador_20179478954\/corteconstitucionalcronologico202454587\/t-721-12\/\" class=\"_self pt-cv-readmore btn btn-success\" target=\"_self\">Ver Sentencia Completa...<\/a><\/div><\/div><\/div><\/div>\n<div class=\"col-md-12 col-sm-12 col-xs-12 pt-cv-content-item pt-cv-1-col\" ><div class='pt-cv-ifield'><a href=\"https:\/\/www.dmsjuridica.com\/buscador_20179478954\/corteconstitucionalcronologico202454587\/t-720-12\/\" class=\"_self pt-cv-href-thumbnail pt-cv-thumb-default\" target=\"_self\" ><\/a>\n<div class=\"pt-cv-taxoterm above_title\"><a href='https:\/\/www.dmsjuridica.com\/buscador_20179478954\/corteconstitucionalcronologico202454587\/category\/buscar-en-toda-la-corte\/2012\/tutelas-2012\/' title='Tutelas 2012' class='pt-cv-tax-tutelas-2012'>Tutelas 2012<\/a><\/div>\n<h4 class=\"pt-cv-title\"><a href=\"https:\/\/www.dmsjuridica.com\/buscador_20179478954\/corteconstitucionalcronologico202454587\/t-720-12\/\" class=\"_self\" target=\"_self\" >T-720-12<\/a><\/h4>\n<div class=\"pt-cv-content\">\u00a0 \u00a0 Sentencia T-720\/12 \u00a0 \u00a0 \u00a0 DERECHO A LA EDUCACION-Derecho deber que genera obligaciones reciprocas\/ACCION DE TUTELA POR ACCION U OMISION DE AUTORIDAD PUBLICA Y PARTICULARES QUE PRESTAN SERVICIO DE EDUCACION-Procedencia \u00a0 \u00a0 \u00a0 DERECHO FUNDAMENTAL A LA EDUCACION-Caracter\u00edsticas y componentes principales \u00a0 \u00a0 \u00a0 AUTONOMIA UNIVERSITARIA-Alcance \u00a0 \u00a0 \u00a0 AUTONOMIA UNIVERSITARIA-L\u00edmites \u00a0 \u00a0 \u00a0 DEBIDO PROCESO EN PROCESOS DISCIPLINARIOS UNIVERSITARIOS-Reiteraci\u00f3n de jurisprudencia \u00a0 \u00a0 \u00a0 DEBIDO PROCESO-Aplicaci\u00f3n \u00a0 \u00a0 \u00a0 DEBIDO PROCESO EN PROCESOS DISCIPLINARIOS UNIVERSITARIOS Y AUTONOMIA UNIVERSITARIA-Potestad sancionatoria debe observar reglamentos internos y sustentarse en principios constitucionales y legales \u00a0 \u00a0 \u00a0 DEBIDO PROCESO EN PROCESOS ...<br \/><div class=\"pt-cv-rmwrap\"><a href=\"https:\/\/www.dmsjuridica.com\/buscador_20179478954\/corteconstitucionalcronologico202454587\/t-720-12\/\" class=\"_self pt-cv-readmore btn btn-success\" target=\"_self\">Ver Sentencia Completa...<\/a><\/div><\/div><\/div><\/div>\n<div class=\"col-md-12 col-sm-12 col-xs-12 pt-cv-content-item pt-cv-1-col\" ><div class='pt-cv-ifield'><a href=\"https:\/\/www.dmsjuridica.com\/buscador_20179478954\/corteconstitucionalcronologico202454587\/t-719-12\/\" class=\"_self pt-cv-href-thumbnail pt-cv-thumb-default\" target=\"_self\" ><\/a>\n<div class=\"pt-cv-taxoterm above_title\"><a href='https:\/\/www.dmsjuridica.com\/buscador_20179478954\/corteconstitucionalcronologico202454587\/category\/buscar-en-toda-la-corte\/2012\/tutelas-2012\/' title='Tutelas 2012' class='pt-cv-tax-tutelas-2012'>Tutelas 2012<\/a><\/div>\n<h4 class=\"pt-cv-title\"><a href=\"https:\/\/www.dmsjuridica.com\/buscador_20179478954\/corteconstitucionalcronologico202454587\/t-719-12\/\" class=\"_self\" target=\"_self\" >T-719-12<\/a><\/h4>\n<div class=\"pt-cv-content\">\u00a0 \u00a0 Sentencia T-719\/12 \u00a0 ACCION DE TUTELA CONTRA PROVIDENCIAS JUDICIALES-Reiteraci\u00f3n de jurisprudencia sobre procedencia excepcional \u00a0 \u00a0 \u00a0 ACCION DE TUTELA CONTRA PROVIDENCIAS JUDICIALES-Requisitos generales o formales de procedencia \u00a0 \u00a0 \u00a0 ACCION DE TUTELA CONTRA PROVIDENCIAS JUDICIALES-Causales gen\u00e9ricas de procedibilidad \u00a0 \u00a0 \u00a0 DEFECTO PROCEDIMENTAL-Caracterizaci\u00f3n \u00a0 \u00a0 \u00a0 DEFECTO PROCEDIMENTAL-Ocurre cuando juez de instancia se desv\u00eda ostensiblemente de cumplir con las formas propias de cada juicio \u00a0 \u00a0 \u00a0 DEFECTO PROCEDIMENTAL-Conductas u omisiones que pueden conllevar a la amenaza o violaci\u00f3n de derechos fundamentales \u00a0 \u00a0 \u00a0 VINCULACION DE PERSONA AUSENTE AL PROCESO PENAL-Reiteraci\u00f3n de jurisprudencia \u00a0 \u00a0 ...<br \/><div class=\"pt-cv-rmwrap\"><a href=\"https:\/\/www.dmsjuridica.com\/buscador_20179478954\/corteconstitucionalcronologico202454587\/t-719-12\/\" class=\"_self pt-cv-readmore btn btn-success\" target=\"_self\">Ver Sentencia Completa...<\/a><\/div><\/div><\/div><\/div>\n<div class=\"col-md-12 col-sm-12 col-xs-12 pt-cv-content-item pt-cv-1-col\" ><div class='pt-cv-ifield'><a href=\"https:\/\/www.dmsjuridica.com\/buscador_20179478954\/corteconstitucionalcronologico202454587\/t-717-12\/\" class=\"_self pt-cv-href-thumbnail pt-cv-thumb-default\" target=\"_self\" ><\/a>\n<div class=\"pt-cv-taxoterm above_title\"><a href='https:\/\/www.dmsjuridica.com\/buscador_20179478954\/corteconstitucionalcronologico202454587\/category\/buscar-en-toda-la-corte\/2012\/tutelas-2012\/' title='Tutelas 2012' class='pt-cv-tax-tutelas-2012'>Tutelas 2012<\/a><\/div>\n<h4 class=\"pt-cv-title\"><a href=\"https:\/\/www.dmsjuridica.com\/buscador_20179478954\/corteconstitucionalcronologico202454587\/t-717-12\/\" class=\"_self\" target=\"_self\" >T-717-12<\/a><\/h4>\n<div class=\"pt-cv-content\">\u00a0 \u00a0 Sentencia T-717\/12 \u00a0 ACCION DE TUTELA CONTRA ACTOS ADMINISTRATIVOS-Procedencia excepcional como mecanismo transitorio para evitar un perjuicio irremediable \u00a0 \u00a0 \u00a0 PRINCIPIO DE CONFIANZA LEGITIMA FRENTE A LA ADMINISTRACION \u00a0 \u00a0 \u00a0 PRINCIPIO DE CONFIANZA LEGITIMA-Tiene fundamento en el principio de buena fe \u00a0 \u00a0 \u00a0 PRINCIPIO DE CONFIANZA LEGITIMA-Presupuestos \u00a0 \u00a0 \u00a0 PRINCIPIO DE CONFIANZA LEGITIMA-Protecci\u00f3n a ciudadanos de cambios bruscos e intempestivos efectuados por autoridades \u00a0 \u00a0 \u00a0 PRINCIPIO DE CONFIANZA LEGITIMA ANTE SUJETOS DE ESPECIAL PROTECCION CONSTITUCIONAL-Obligaci\u00f3n de buscar medidas alternas que permitan garantizar derechos fundamentales \u00a0 \u00a0 \u00a0 DERECHO A LA VIVIENDA DIGNA-Naturaleza jur\u00eddica ...<br \/><div class=\"pt-cv-rmwrap\"><a href=\"https:\/\/www.dmsjuridica.com\/buscador_20179478954\/corteconstitucionalcronologico202454587\/t-717-12\/\" class=\"_self pt-cv-readmore btn btn-success\" target=\"_self\">Ver Sentencia Completa...<\/a><\/div><\/div><\/div><\/div>\n<div class=\"col-md-12 col-sm-12 col-xs-12 pt-cv-content-item pt-cv-1-col\" ><div class='pt-cv-ifield'><a href=\"https:\/\/www.dmsjuridica.com\/buscador_20179478954\/corteconstitucionalcronologico202454587\/t-716-12\/\" class=\"_self pt-cv-href-thumbnail pt-cv-thumb-default\" target=\"_self\" ><\/a>\n<div class=\"pt-cv-taxoterm above_title\"><a href='https:\/\/www.dmsjuridica.com\/buscador_20179478954\/corteconstitucionalcronologico202454587\/category\/buscar-en-toda-la-corte\/2012\/tutelas-2012\/' title='Tutelas 2012' class='pt-cv-tax-tutelas-2012'>Tutelas 2012<\/a><\/div>\n<h4 class=\"pt-cv-title\"><a href=\"https:\/\/www.dmsjuridica.com\/buscador_20179478954\/corteconstitucionalcronologico202454587\/t-716-12\/\" class=\"_self\" target=\"_self\" >T-716-12<\/a><\/h4>\n<div class=\"pt-cv-content\">\u00a0 \u00a0 Sentencia T-716\/12 \u00a0 ACCION DE TUTELA CONTRA CONSEJO DE ESTADO-Presunta vulneraci\u00f3n al debido proceso por revocar decisi\u00f3n de Tribunal Administrativo que declar\u00f3 nulidad y restablecimiento del derecho frente a demanda en contra de Liquidaci\u00f3n Oficial de Revisi\u00f3n de Impuesto Predial de inmueble propiedad de constructora \u00a0 \u00a0 \u00a0 ACCION DE TUTELA CONTRA PROVIDENCIAS JUDICIALES-Reiteraci\u00f3n de jurisprudencia sobre procedencia excepcional \u00a0 \u00a0 \u00a0 ACCION DE TUTELA CONTRA PROVIDENCIAS JUDICIALES-Requisitos generales y espec\u00edficos de procedencia \u00a0 \u00a0 \u00a0 DEFECTO FACTICO-Jurisprudencia constitucional \u00a0 \u00a0 \u00a0 VIA DE HECHO POR DEFECTO FACTICO \u00a0 \u00a0 \u00a0 DERECHO FUNDAMENTAL AL DEBIDO PROCESO-Afectaci\u00f3n \u00a0 \u00a0 ...<br \/><div class=\"pt-cv-rmwrap\"><a href=\"https:\/\/www.dmsjuridica.com\/buscador_20179478954\/corteconstitucionalcronologico202454587\/t-716-12\/\" class=\"_self pt-cv-readmore btn btn-success\" target=\"_self\">Ver Sentencia Completa...<\/a><\/div><\/div><\/div><\/div>\n<div class=\"col-md-12 col-sm-12 col-xs-12 pt-cv-content-item pt-cv-1-col\" ><div class='pt-cv-ifield'><a href=\"https:\/\/www.dmsjuridica.com\/buscador_20179478954\/corteconstitucionalcronologico202454587\/t-708-12\/\" class=\"_self pt-cv-href-thumbnail pt-cv-thumb-default\" target=\"_self\" ><\/a>\n<div class=\"pt-cv-taxoterm above_title\"><a href='https:\/\/www.dmsjuridica.com\/buscador_20179478954\/corteconstitucionalcronologico202454587\/category\/buscar-en-toda-la-corte\/2012\/tutelas-2012\/' title='Tutelas 2012' class='pt-cv-tax-tutelas-2012'>Tutelas 2012<\/a><\/div>\n<h4 class=\"pt-cv-title\"><a href=\"https:\/\/www.dmsjuridica.com\/buscador_20179478954\/corteconstitucionalcronologico202454587\/t-708-12\/\" class=\"_self\" target=\"_self\" >T-708-12<\/a><\/h4>\n<div class=\"pt-cv-content\">\u00a0 \u00a0 Sentencia T-708\/12 \u00a0 ACCION DE TUTELA DE NI\u00d1OS, NI\u00d1AS Y ADOLESCENTES O REPRESENTANTES-Legitimaci\u00f3n en la causa por activa \u00a0 \u00a0 \u00a0 LEGITIMACION EN LA CAUSA POR ACTIVA EN TUTELA-Agencia oficiosa \u00a0 \u00a0 \u00a0 NI\u00d1OS, NI\u00d1AS Y ADOLESCENTES COMO SUJETOS DE ESPECIAL PROTECCION CONSTITUCIONAL\/ LEGITIMACION POR ACTIVA\u00a0DE NI\u00d1OS, NI\u00d1AS Y ADOLESCENTES-Recae en cualquier persona \u00a0 \u00a0 \u00a0 DERECHO A LA SALUD DE NI\u00d1OS, NI\u00d1AS Y ADOLESCENTES-Car\u00e1cter fundamental aut\u00f3nomo \u00a0 \u00a0 \u00a0 DERECHO A LA SEGURIDAD SOCIAL-Servicio p\u00fablico de car\u00e1cter obligatorio \u00a0 \u00a0 \u00a0 DERECHO A LA SALUD-Doble connotaci\u00f3n \u00a0 \u00a0 \u00a0 \u00a0 \u00a0 DERECHO A LA SALUD-Garant\u00eda de acceso ...<br \/><div class=\"pt-cv-rmwrap\"><a href=\"https:\/\/www.dmsjuridica.com\/buscador_20179478954\/corteconstitucionalcronologico202454587\/t-708-12\/\" class=\"_self pt-cv-readmore btn btn-success\" target=\"_self\">Ver Sentencia Completa...<\/a><\/div><\/div><\/div><\/div>\n<div class=\"col-md-12 col-sm-12 col-xs-12 pt-cv-content-item pt-cv-1-col\" ><div class='pt-cv-ifield'><a href=\"https:\/\/www.dmsjuridica.com\/buscador_20179478954\/corteconstitucionalcronologico202454587\/t-707-12\/\" class=\"_self pt-cv-href-thumbnail pt-cv-thumb-default\" target=\"_self\" ><\/a>\n<div class=\"pt-cv-taxoterm above_title\"><a href='https:\/\/www.dmsjuridica.com\/buscador_20179478954\/corteconstitucionalcronologico202454587\/category\/buscar-en-toda-la-corte\/2012\/tutelas-2012\/' title='Tutelas 2012' class='pt-cv-tax-tutelas-2012'>Tutelas 2012<\/a><\/div>\n<h4 class=\"pt-cv-title\"><a href=\"https:\/\/www.dmsjuridica.com\/buscador_20179478954\/corteconstitucionalcronologico202454587\/t-707-12\/\" class=\"_self\" target=\"_self\" >T-707-12<\/a><\/h4>\n<div class=\"pt-cv-content\">\u00a0 \u00a0 Sentencia T-707\/12 \u00a0 SERVICIO PUBLICO DE ALCANTARILLADO-Caracter\u00edsticas y obligaciones del Estado \u00a0 \u00a0 \u00a0 SERVICIO PUBLICO DE ALCANTARILLADO Y ESTADO SOCIAL DE DERECHO-Relevancia constitucional \u00a0 \u00a0 \u00a0 SERVICIO PUBLICO-Condiciones para garantizar los fines sociales y la eficacia del Estado Social de Derecho \u00a0 \u00a0 \u00a0 SERVICIOS PUBLICOS DOMICILIARIOS-Control y vigilancia a trav\u00e9s de la Superintendencia de Servicios p\u00fablicos \u00a0 \u00a0 \u00a0 SISTEMA DE DISPOSICION DE LIQUIDOS RESIDUALES Y AGUAS SERVIDAS-Servicio p\u00fablico domiciliario \u00a0 \u00a0 \u00a0 DERECHO AL SANEAMIENTO BASICO Y DERECHO COLECTIVO AL AMBIENTE SANO-Procedencia excepcional de la acci\u00f3n de tutela \u00a0 \u00a0 \u00a0 \u00a0 \u00a0 DERECHO AL ...<br \/><div class=\"pt-cv-rmwrap\"><a href=\"https:\/\/www.dmsjuridica.com\/buscador_20179478954\/corteconstitucionalcronologico202454587\/t-707-12\/\" class=\"_self pt-cv-readmore btn btn-success\" target=\"_self\">Ver Sentencia Completa...<\/a><\/div><\/div><\/div><\/div>\n<div class=\"col-md-12 col-sm-12 col-xs-12 pt-cv-content-item pt-cv-1-col\" ><div class='pt-cv-ifield'><a href=\"https:\/\/www.dmsjuridica.com\/buscador_20179478954\/corteconstitucionalcronologico202454587\/t-706-12\/\" class=\"_self pt-cv-href-thumbnail pt-cv-thumb-default\" target=\"_self\" ><\/a>\n<div class=\"pt-cv-taxoterm above_title\"><a href='https:\/\/www.dmsjuridica.com\/buscador_20179478954\/corteconstitucionalcronologico202454587\/category\/buscar-en-toda-la-corte\/2012\/tutelas-2012\/' title='Tutelas 2012' class='pt-cv-tax-tutelas-2012'>Tutelas 2012<\/a><\/div>\n<h4 class=\"pt-cv-title\"><a href=\"https:\/\/www.dmsjuridica.com\/buscador_20179478954\/corteconstitucionalcronologico202454587\/t-706-12\/\" class=\"_self\" target=\"_self\" >T-706-12<\/a><\/h4>\n<div class=\"pt-cv-content\">\u00a0 \u00a0 Sentencia T-706\/12\u00a0 \u00a0 ACCION DE TUTELA PARA CONTROVERTIR ACTOS ADMINISTRATIVOS-Procedencia Excepcional\u00a0 \u00a0 \u00a0 \u00a0 ACCION DE TUTELA A PESAR DE EXISTIR OTROS MECANISMOS DE DEFENSA JUDICIAL-Car\u00e1cter subsidiario \u00a0 \u00a0 \u00a0 DEBIDO PROCESO ADMINISTRATIVO-Garant\u00eda constitucional \u00a0 \u00a0 \u00a0 PRINCIPIO DE PUBLICIDAD-Presupuesto para ejercer el derecho de defensa y contradicci\u00f3n \u00a0 \u00a0 \u00a0 DEBIDO PROCESO-Consagraci\u00f3n \u00a0 \u00a0 \u00a0 DEBIDO PROCESO-Naturaleza \u00a0 \u00a0 \u00a0 DEBIDO PROCESO ADMINISTRATIVO-Manifestaci\u00f3n del principio de legalidad \u00a0 \u00a0 \u00a0 DEBIDO PROCESO ADMINISTRATIVO-Se extiende desde las diligencias preliminares hasta el momento de comunicaci\u00f3n e impugnaci\u00f3n de la decisi\u00f3n \u00a0 \u00a0 \u00a0 DEBIDO PROCESO ADMINISTRATIVO-Garant\u00edas m\u00ednimas \u00a0 \u00a0 ...<br \/><div class=\"pt-cv-rmwrap\"><a href=\"https:\/\/www.dmsjuridica.com\/buscador_20179478954\/corteconstitucionalcronologico202454587\/t-706-12\/\" class=\"_self pt-cv-readmore btn btn-success\" target=\"_self\">Ver Sentencia Completa...<\/a><\/div><\/div><\/div><\/div>\n<div class=\"col-md-12 col-sm-12 col-xs-12 pt-cv-content-item pt-cv-1-col\" ><div class='pt-cv-ifield'><a href=\"https:\/\/www.dmsjuridica.com\/buscador_20179478954\/corteconstitucionalcronologico202454587\/t-705-12\/\" class=\"_self pt-cv-href-thumbnail pt-cv-thumb-default\" target=\"_self\" ><\/a>\n<div class=\"pt-cv-taxoterm above_title\"><a href='https:\/\/www.dmsjuridica.com\/buscador_20179478954\/corteconstitucionalcronologico202454587\/category\/buscar-en-toda-la-corte\/2012\/tutelas-2012\/' title='Tutelas 2012' class='pt-cv-tax-tutelas-2012'>Tutelas 2012<\/a><\/div>\n<h4 class=\"pt-cv-title\"><a href=\"https:\/\/www.dmsjuridica.com\/buscador_20179478954\/corteconstitucionalcronologico202454587\/t-705-12\/\" class=\"_self\" target=\"_self\" >T-705-12<\/a><\/h4>\n<div class=\"pt-cv-content\">\u00a0 \u00a0 Sentencia T-705\/12 \u00a0 PRINCIPIO DE SUBSIDIARIEDAD COMO REQUISITO DE PROCEDIBILIDAD DE LA ACCION DE TUTELA-Reiteraci\u00f3n de jurisprudencia \u00a0 El principio de subsidiariedad est\u00e1 consagrado en el inciso 4\u00ba del art\u00edculo 86 de la Constituci\u00f3n, que establece que esta acci\u00f3n s\u00f3lo proceder\u00e1 cuando el afectado no disponga de otro medio de defensa judicial, salvo que aquella se utilice como mecanismo transitorio para evitar un perjuicio irremediable.\u00a0En este orden de ideas, existiendo otros mecanismos de defensa judicial que resulten m\u00e1s eficaces para la protecci\u00f3n reclamada, se debe recurrir a ellos antes de pretender el amparo por v\u00eda de tutela. Con ...<br \/><div class=\"pt-cv-rmwrap\"><a href=\"https:\/\/www.dmsjuridica.com\/buscador_20179478954\/corteconstitucionalcronologico202454587\/t-705-12\/\" class=\"_self pt-cv-readmore btn btn-success\" target=\"_self\">Ver Sentencia Completa...<\/a><\/div><\/div><\/div><\/div>\n<div class=\"col-md-12 col-sm-12 col-xs-12 pt-cv-content-item pt-cv-1-col\" ><div class='pt-cv-ifield'><a href=\"https:\/\/www.dmsjuridica.com\/buscador_20179478954\/corteconstitucionalcronologico202454587\/t-704-12\/\" class=\"_self pt-cv-href-thumbnail pt-cv-thumb-default\" target=\"_self\" ><\/a>\n<div class=\"pt-cv-taxoterm above_title\"><a href='https:\/\/www.dmsjuridica.com\/buscador_20179478954\/corteconstitucionalcronologico202454587\/category\/buscar-en-toda-la-corte\/2012\/tutelas-2012\/' title='Tutelas 2012' class='pt-cv-tax-tutelas-2012'>Tutelas 2012<\/a><\/div>\n<h4 class=\"pt-cv-title\"><a href=\"https:\/\/www.dmsjuridica.com\/buscador_20179478954\/corteconstitucionalcronologico202454587\/t-704-12\/\" class=\"_self\" target=\"_self\" >T-704-12<\/a><\/h4>\n<div class=\"pt-cv-content\">\u00a0 \u00a0 Sentencia T-704\/12 \u00a0 PROCESO PENAL DE UNICA INSTANCIA ANTE CORTE SUPREMA DE JUSTICIA DE DIRECTOR DEL DEPARTAMENTO ADMINISTRATIVO DE LA PRESIDENCIA DE LA REPUBLICA-Delito de concierto para delinquir en raz\u00f3n de interceptaciones telef\u00f3nicas de que fueron v\u00edctimas magistrados, periodistas, personas pertenecientes a organizaciones y movimientos de oposici\u00f3n \u00a0 \u00a0 \u00a0 JUZGAMIENTO DE ALTOS FUNCIONARIOS DEL ESTADO-Competencia de la Corte Suprema de Justicia y funci\u00f3n de control de garant\u00edas ejercida por magistrado de la Sala Penal del Tribunal Superior \u00a0 \u00a0 \u00a0 IMPOSICION DE MEDIDA DE ASEGURAMIENTO-Solicitud al Juez de Control de Garant\u00edas radica en el fiscal, en la ...<br \/><div class=\"pt-cv-rmwrap\"><a href=\"https:\/\/www.dmsjuridica.com\/buscador_20179478954\/corteconstitucionalcronologico202454587\/t-704-12\/\" class=\"_self pt-cv-readmore btn btn-success\" target=\"_self\">Ver Sentencia Completa...<\/a><\/div><\/div><\/div><\/div>\n<div class=\"col-md-12 col-sm-12 col-xs-12 pt-cv-content-item pt-cv-1-col\" ><div class='pt-cv-ifield'><a href=\"https:\/\/www.dmsjuridica.com\/buscador_20179478954\/corteconstitucionalcronologico202454587\/t-703-12\/\" class=\"_self pt-cv-href-thumbnail pt-cv-thumb-default\" target=\"_self\" ><\/a>\n<div class=\"pt-cv-taxoterm above_title\"><a href='https:\/\/www.dmsjuridica.com\/buscador_20179478954\/corteconstitucionalcronologico202454587\/category\/buscar-en-toda-la-corte\/2012\/tutelas-2012\/' title='Tutelas 2012' class='pt-cv-tax-tutelas-2012'>Tutelas 2012<\/a><\/div>\n<h4 class=\"pt-cv-title\"><a href=\"https:\/\/www.dmsjuridica.com\/buscador_20179478954\/corteconstitucionalcronologico202454587\/t-703-12\/\" class=\"_self\" target=\"_self\" >T-703-12<\/a><\/h4>\n<div class=\"pt-cv-content\">\u00a0 \u00a0 Sentencia T-703\/12\u00a0 \u00a0 ACCION DE TUTELA FRENTE A MEDIO DE DEFENSA JUDICIAL-Procedencia excepcional para evitar un perjuicio irremediable \u00a0 \u00a0 \u00a0 ACCION DE TUTELA CONTRA ACTO ADMINISTRATIVO-Improcedencia por existir otros mecanismos judiciales \u00a0 \u00a0 \u00a0 ESTADO DE DEBILIDAD MANIFIESTA-Condici\u00f3n de pobreza y trabajo informal \u00a0 \u00a0 \u00a0 ACCION DE TUTELA DE PESONA EN ESTADO DE BEBILIDAD MANIFIESTA CONTRA ACTO ADMINISTRATIVO-Procedencia \u00a0 \u00a0 \u00a0 CARENCIA ACTUAL DE OBJETO POR DA\u00d1O CONSUMADO-Reiteraci\u00f3n de jurisprudencia \u00a0 \u00a0 \u00a0 CARENCIA ACTUAL DE OBJETO-Da\u00f1o consumado y hecho superado \u00a0 \u00a0 \u00a0 PRINCIPIO DE CONFIANZA LEGITIMA Y BUENA FE-L\u00edmites al ejercicio del deber de ...<br \/><div class=\"pt-cv-rmwrap\"><a href=\"https:\/\/www.dmsjuridica.com\/buscador_20179478954\/corteconstitucionalcronologico202454587\/t-703-12\/\" class=\"_self pt-cv-readmore btn btn-success\" target=\"_self\">Ver Sentencia Completa...<\/a><\/div><\/div><\/div><\/div>\n<div class=\"col-md-12 col-sm-12 col-xs-12 pt-cv-content-item pt-cv-1-col\" ><div class='pt-cv-ifield'><a href=\"https:\/\/www.dmsjuridica.com\/buscador_20179478954\/corteconstitucionalcronologico202454587\/t-702-12\/\" class=\"_self pt-cv-href-thumbnail pt-cv-thumb-default\" target=\"_self\" ><\/a>\n<div class=\"pt-cv-taxoterm above_title\"><a href='https:\/\/www.dmsjuridica.com\/buscador_20179478954\/corteconstitucionalcronologico202454587\/category\/buscar-en-toda-la-corte\/2012\/tutelas-2012\/' title='Tutelas 2012' class='pt-cv-tax-tutelas-2012'>Tutelas 2012<\/a><\/div>\n<h4 class=\"pt-cv-title\"><a href=\"https:\/\/www.dmsjuridica.com\/buscador_20179478954\/corteconstitucionalcronologico202454587\/t-702-12\/\" class=\"_self\" target=\"_self\" >T-702-12<\/a><\/h4>\n<div class=\"pt-cv-content\">\u00a0 \u00a0 \u00a0 \u00a0 Sentencia T-702\/12 \u00a0 VICTIMAS DE DESPLAZAMIENTO FORZADO INTERNO Y AYUDA HUMANITARIA-Componentes, etapas y fases, entrega efectiva, t\u00e9rminos y pr\u00f3rrogas y garant\u00eda del tr\u00e1nsito hacia soluciones duraderas de estabilizaci\u00f3n socioecon\u00f3mica \u00a0 \u00a0 \u00a0 VICTIMAS DE DESPLAZAMIENTO FORZADO-Protecci\u00f3n constitucional \u00a0 \u00a0 \u00a0 VICTIMAS DE DESPLAZAMIENTO FORZADO-Derechos m\u00ednimos que no pueden ser desconocidos ni vulnerados argumentando falta de asignaci\u00f3n presupuestal o capacidad institucional \u00a0 \u00a0 \u00a0 DERECHOS DE LOS DESPLAZADOS COMO SUJETOS DE ESPECIAL PROTECCION CONSTITUCIONAL-Procedencia de la acci\u00f3n de tutela \u00a0 \u00a0 \u00a0 VICTIMAS DE DESPLAZAMIENTO FORZADO-Estado debe otorgar tratamiento especial y preferencial y realizar acciones afirmativas en ...<br \/><div class=\"pt-cv-rmwrap\"><a href=\"https:\/\/www.dmsjuridica.com\/buscador_20179478954\/corteconstitucionalcronologico202454587\/t-702-12\/\" class=\"_self pt-cv-readmore btn btn-success\" target=\"_self\">Ver Sentencia Completa...<\/a><\/div><\/div><\/div><\/div>\n<div class=\"col-md-12 col-sm-12 col-xs-12 pt-cv-content-item pt-cv-1-col\" ><div class='pt-cv-ifield'><a href=\"https:\/\/www.dmsjuridica.com\/buscador_20179478954\/corteconstitucionalcronologico202454587\/t-701-12\/\" class=\"_self pt-cv-href-thumbnail pt-cv-thumb-default\" target=\"_self\" ><\/a>\n<div class=\"pt-cv-taxoterm above_title\"><a href='https:\/\/www.dmsjuridica.com\/buscador_20179478954\/corteconstitucionalcronologico202454587\/category\/buscar-en-toda-la-corte\/2012\/tutelas-2012\/' title='Tutelas 2012' class='pt-cv-tax-tutelas-2012'>Tutelas 2012<\/a><\/div>\n<h4 class=\"pt-cv-title\"><a href=\"https:\/\/www.dmsjuridica.com\/buscador_20179478954\/corteconstitucionalcronologico202454587\/t-701-12\/\" class=\"_self\" target=\"_self\" >T-701-12<\/a><\/h4>\n<div class=\"pt-cv-content\"> ...<br \/><div class=\"pt-cv-rmwrap\"><a href=\"https:\/\/www.dmsjuridica.com\/buscador_20179478954\/corteconstitucionalcronologico202454587\/t-701-12\/\" class=\"_self pt-cv-readmore btn btn-success\" target=\"_self\">Ver Sentencia Completa...<\/a><\/div><\/div><\/div><\/div>\n<div class=\"col-md-12 col-sm-12 col-xs-12 pt-cv-content-item pt-cv-1-col\" ><div class='pt-cv-ifield'><a href=\"https:\/\/www.dmsjuridica.com\/buscador_20179478954\/corteconstitucionalcronologico202454587\/t-700-12\/\" class=\"_self pt-cv-href-thumbnail pt-cv-thumb-default\" target=\"_self\" ><\/a>\n<div class=\"pt-cv-taxoterm above_title\"><a href='https:\/\/www.dmsjuridica.com\/buscador_20179478954\/corteconstitucionalcronologico202454587\/category\/buscar-en-toda-la-corte\/2012\/tutelas-2012\/' title='Tutelas 2012' class='pt-cv-tax-tutelas-2012'>Tutelas 2012<\/a><\/div>\n<h4 class=\"pt-cv-title\"><a href=\"https:\/\/www.dmsjuridica.com\/buscador_20179478954\/corteconstitucionalcronologico202454587\/t-700-12\/\" class=\"_self\" target=\"_self\" >T-700-12<\/a><\/h4>\n<div class=\"pt-cv-content\">\u00a0 \u00a0 Sentencia T-700\/12 \u00a0 (Bogot\u00e1, DC, 28 de agosto de 2012) \u00a0 ACCION DE TUTELA-Procedencia excepcional para reconocimiento de pensi\u00f3n de vejez\u00a0 \u00a0 ACCION DE TUTELA PARA RECONOCIMIENTO DE PENSION DE VEJEZ-Procedencia excepcional cuando se vulneran derechos de las personas de la tercera edad \u00a0 ACCION \u00a0DE TUTELA-Subsidiariedad \u00a0 ACCION DE TUTELA Y PRINCIPIO DE INMEDIATEZ-Reiteraci\u00f3n de jurisprudencia \u00a0 ALLANAMIENTO A LA MORA-Reiteraci\u00f3n de jurisprudencia \u00a0 PENSION DE VEJEZ-Definici\u00f3n \u00a0 ACCION DE TUTELA PARA RECONOCIMIENTO DE PENSION DE VEJEZ-Ordenar al ISS expedir nueva resoluci\u00f3n que resuelva solicitud de la pensi\u00f3n de vejez del accionante \u00a0 Referencia: expediente T-3.373.551. \u00a0 ...<br \/><div class=\"pt-cv-rmwrap\"><a href=\"https:\/\/www.dmsjuridica.com\/buscador_20179478954\/corteconstitucionalcronologico202454587\/t-700-12\/\" class=\"_self pt-cv-readmore btn btn-success\" target=\"_self\">Ver Sentencia Completa...<\/a><\/div><\/div><\/div><\/div>\n<div class=\"col-md-12 col-sm-12 col-xs-12 pt-cv-content-item pt-cv-1-col\" ><div class='pt-cv-ifield'><a href=\"https:\/\/www.dmsjuridica.com\/buscador_20179478954\/corteconstitucionalcronologico202454587\/t-699-12\/\" class=\"_self pt-cv-href-thumbnail pt-cv-thumb-default\" target=\"_self\" ><\/a>\n<div class=\"pt-cv-taxoterm above_title\"><a href='https:\/\/www.dmsjuridica.com\/buscador_20179478954\/corteconstitucionalcronologico202454587\/category\/buscar-en-toda-la-corte\/2012\/tutelas-2012\/' title='Tutelas 2012' class='pt-cv-tax-tutelas-2012'>Tutelas 2012<\/a><\/div>\n<h4 class=\"pt-cv-title\"><a href=\"https:\/\/www.dmsjuridica.com\/buscador_20179478954\/corteconstitucionalcronologico202454587\/t-699-12\/\" class=\"_self\" target=\"_self\" >T-699-12<\/a><\/h4>\n<div class=\"pt-cv-content\">\u00a0 \u00a0 Sentencia T-699\/12 \u00a0 \u00a0(Bogot\u00e1, DC, 28 agosto) \u00a0 ACCION DE TUTELA CONTRA ACTO ADMINISTRATIVO QUE REVOCA BONIFICACION POR COMPENSACION Y ORDENA REITEGRO DE DINEROS CANCELADOS-Improcedencia por subsidiariedad \u00a0 ACCION DE TUTELA-Requisitos para su procedencia \u00a0 PRINCIPIO DE INMEDIATEZ COMO REQUISITO DE PROCEDIBILIDAD DE LA ACCION DE TUTELA-Reiteraci\u00f3n de jurisprudencia \u00a0 En reiteradas oportunidades, la Corte Constitucional ha establecido que si bien la acci\u00f3n de tutela no tiene un t\u00e9rmino de caducidad, ello no implica que la persona pueda interponerla en cualquier tiempo. Por cuanto, la persona que pretende obtener la protecci\u00f3n de un derecho fundamental a trav\u00e9s de ...<br \/><div class=\"pt-cv-rmwrap\"><a href=\"https:\/\/www.dmsjuridica.com\/buscador_20179478954\/corteconstitucionalcronologico202454587\/t-699-12\/\" class=\"_self pt-cv-readmore btn btn-success\" target=\"_self\">Ver Sentencia Completa...<\/a><\/div><\/div><\/div><\/div>\n<div class=\"col-md-12 col-sm-12 col-xs-12 pt-cv-content-item pt-cv-1-col\" ><div class='pt-cv-ifield'><a href=\"https:\/\/www.dmsjuridica.com\/buscador_20179478954\/corteconstitucionalcronologico202454587\/t-698-12\/\" class=\"_self pt-cv-href-thumbnail pt-cv-thumb-default\" target=\"_self\" ><\/a>\n<div class=\"pt-cv-taxoterm above_title\"><a href='https:\/\/www.dmsjuridica.com\/buscador_20179478954\/corteconstitucionalcronologico202454587\/category\/buscar-en-toda-la-corte\/2012\/tutelas-2012\/' title='Tutelas 2012' class='pt-cv-tax-tutelas-2012'>Tutelas 2012<\/a><\/div>\n<h4 class=\"pt-cv-title\"><a href=\"https:\/\/www.dmsjuridica.com\/buscador_20179478954\/corteconstitucionalcronologico202454587\/t-698-12\/\" class=\"_self\" target=\"_self\" >T-698-12<\/a><\/h4>\n<div class=\"pt-cv-content\">\u00a0 \u00a0 SENTENCIA T-698\/12 \u00a0 \u00a0(Bogot\u00e1 D.C., agosto 28 de 2012) \u00a0 PROPIEDAD HORIZONTAL-Uso de piscina para terapias f\u00edsicas por prescripci\u00f3n m\u00e9dica \u00a0 ACCION DE TUTELA CONTRA PARTICULARES-Subordinaci\u00f3n e indefensi\u00f3n \u00a0 DERECHO A LA SALUD DE PERSONA DE LA TERCERA EDAD-Protecci\u00f3n constitucional \u00a0 DERECHO A LA SALUD-Rehabilitaci\u00f3n\u00a0 \u00a0 EDAD COMO FACTOR DE DEBILIDAD E INDEFENSION-Jurisprudencia constitucional \u00a0 PRINCIPIO DE SOLIDARIDAD CON PERSONA DE LA TERCERA EDAD-Protecci\u00f3n constitucional especial \u00a0 DERECHO A LA SALUD-Fundamental aut\u00f3nomo \u00a0 DERECHO A LA SALUD-Elementos esenciales \u00a0 PRINCIPIO DE SOLIDARIDAD CON PERSONA DE LA TERCERA EDAD-Responsabilidad del Estado, la sociedad y la familia \u00a0 PERSONAS DE ...<br \/><div class=\"pt-cv-rmwrap\"><a href=\"https:\/\/www.dmsjuridica.com\/buscador_20179478954\/corteconstitucionalcronologico202454587\/t-698-12\/\" class=\"_self pt-cv-readmore btn btn-success\" target=\"_self\">Ver Sentencia Completa...<\/a><\/div><\/div><\/div><\/div>\n<div class=\"col-md-12 col-sm-12 col-xs-12 pt-cv-content-item pt-cv-1-col\" ><div class='pt-cv-ifield'><a href=\"https:\/\/www.dmsjuridica.com\/buscador_20179478954\/corteconstitucionalcronologico202454587\/t-697-12\/\" class=\"_self pt-cv-href-thumbnail pt-cv-thumb-default\" target=\"_self\" ><\/a>\n<div class=\"pt-cv-taxoterm above_title\"><a href='https:\/\/www.dmsjuridica.com\/buscador_20179478954\/corteconstitucionalcronologico202454587\/category\/buscar-en-toda-la-corte\/2012\/tutelas-2012\/' title='Tutelas 2012' class='pt-cv-tax-tutelas-2012'>Tutelas 2012<\/a><\/div>\n<h4 class=\"pt-cv-title\"><a href=\"https:\/\/www.dmsjuridica.com\/buscador_20179478954\/corteconstitucionalcronologico202454587\/t-697-12\/\" class=\"_self\" target=\"_self\" >T-697-12<\/a><\/h4>\n<div class=\"pt-cv-content\">\u00a0 \u00a0 Sentencia T-697\/12 \u00a0 ACCION DE TUTELA-Carencia actual de objeto por haberse superado los hechos que originaron su interposici\u00f3n con la declaratoria de inexequibilidad del Acto Legislativo 04 de 2011\/LISTA DE ELEGIBLES SUSPENDIDA POR COMISION NACIONAL DEL SERVICIO CIVIL-P\u00e9rdida de efectos jur\u00eddicos en virtud de la inexequibilidad del Acto legislativo 04 de 2011 mediante sentencia C-249 de 2012 \u00a0 CARENCIA ACTUAL DE OBJETO POR HECHO SUPERADO Y DA\u00d1O CONSUMADO-Reiteraci\u00f3n de jurisprudencia\/ACCION DE TUTELA-Fundamentos de la carencia actual de objeto \u00a0 Cuando la Corte encuentra que ha cesado la amenaza o vulneraci\u00f3n de los derechos fundamentales del accionante, se presenta ...<br \/><div class=\"pt-cv-rmwrap\"><a href=\"https:\/\/www.dmsjuridica.com\/buscador_20179478954\/corteconstitucionalcronologico202454587\/t-697-12\/\" class=\"_self pt-cv-readmore btn btn-success\" target=\"_self\">Ver Sentencia Completa...<\/a><\/div><\/div><\/div><\/div>\n<div class=\"col-md-12 col-sm-12 col-xs-12 pt-cv-content-item pt-cv-1-col\" ><div class='pt-cv-ifield'><a href=\"https:\/\/www.dmsjuridica.com\/buscador_20179478954\/corteconstitucionalcronologico202454587\/t-696-12\/\" class=\"_self pt-cv-href-thumbnail pt-cv-thumb-default\" target=\"_self\" ><\/a>\n<div class=\"pt-cv-taxoterm above_title\"><a href='https:\/\/www.dmsjuridica.com\/buscador_20179478954\/corteconstitucionalcronologico202454587\/category\/buscar-en-toda-la-corte\/2012\/tutelas-2012\/' title='Tutelas 2012' class='pt-cv-tax-tutelas-2012'>Tutelas 2012<\/a><\/div>\n<h4 class=\"pt-cv-title\"><a href=\"https:\/\/www.dmsjuridica.com\/buscador_20179478954\/corteconstitucionalcronologico202454587\/t-696-12\/\" class=\"_self\" target=\"_self\" >T-696-12<\/a><\/h4>\n<div class=\"pt-cv-content\">\u00a0 \u00a0 Sentencia T-696\/12\u00a0 \u00a0 PROTECCION ESPECIAL DE ADULTOS MAYORES EN ESTADO DE INDIGENCIA O EXTREMA POBREZA-Reiteraci\u00f3n de jurisprudencia\u00a0 \u00a0 ACCION DE TUTELA-Procedencia excepcional para ordenar asignaci\u00f3n prioritaria de un beneficio, en desconocimiento de turnos previamente establecidos por la administraci\u00f3n \u00a0 ADULTOS MAYORES EN ESTADO DE INDIGENCIA O EXTREMA POBREZA-Trato preferencial \u00a0 ASIGNACION DE SUBSIDIO ECONOMICO PARA ADULTOS MAYORES EN SITUACION DE INDIGENCIA O POBREZA EXTREMA-Criterios de focalizaci\u00f3n y priorizaci\u00f3n \u00a0 ASIGNACION DE SUBSIDIO ECONOMICO PARA ADULTOS MAYORES EN SITUACION DE INDIGENCIA O POBREZA EXTREMA-Criterios para alteraci\u00f3n de turnos a trav\u00e9s de acci\u00f3n de tutela \u00a0 Referencia: expediente T-3371811 \u00a0 ...<br \/><div class=\"pt-cv-rmwrap\"><a href=\"https:\/\/www.dmsjuridica.com\/buscador_20179478954\/corteconstitucionalcronologico202454587\/t-696-12\/\" class=\"_self pt-cv-readmore btn btn-success\" target=\"_self\">Ver Sentencia Completa...<\/a><\/div><\/div><\/div><\/div>\n<div class=\"col-md-12 col-sm-12 col-xs-12 pt-cv-content-item pt-cv-1-col\" ><div class='pt-cv-ifield'><a href=\"https:\/\/www.dmsjuridica.com\/buscador_20179478954\/corteconstitucionalcronologico202454587\/t-695-12\/\" class=\"_self pt-cv-href-thumbnail pt-cv-thumb-default\" target=\"_self\" ><\/a>\n<div class=\"pt-cv-taxoterm above_title\"><a href='https:\/\/www.dmsjuridica.com\/buscador_20179478954\/corteconstitucionalcronologico202454587\/category\/buscar-en-toda-la-corte\/2012\/tutelas-2012\/' title='Tutelas 2012' class='pt-cv-tax-tutelas-2012'>Tutelas 2012<\/a><\/div>\n<h4 class=\"pt-cv-title\"><a href=\"https:\/\/www.dmsjuridica.com\/buscador_20179478954\/corteconstitucionalcronologico202454587\/t-695-12\/\" class=\"_self\" target=\"_self\" >T-695-12<\/a><\/h4>\n<div class=\"pt-cv-content\">\u00a0 \u00a0 \u00a0\u00a0 Sentencia T-695\/12 \u00a0 ACCION DE TUTELA CONTRA PROVIDENCIAS JUDICIALES-Reiteraci\u00f3n de jurisprudencia sobre procedencia excepcional \u00a0 ACCION DE TUTELA CONTRA PROVIDENCIAS JUDICIALES-Causales de procedibilidad\u00a0 \u00a0 Conforme a la consolidada l\u00ednea jurisprudencial de esta Corporaci\u00f3n en materia de tutela contra sentencias, entre las causales de procedibilidad de la tutela en estos casos, podemos citar en primer lugar, aquellas de car\u00e1cter general, orientadas a asegurar el principio de subsidiariedad de la acci\u00f3n de tutela, como son el agotamiento de otros medios de defensa disponibles y la inmediatez. En segundo lugar, existen unas causales espec\u00edficas, centradas en los defectos de las ...<br \/><div class=\"pt-cv-rmwrap\"><a href=\"https:\/\/www.dmsjuridica.com\/buscador_20179478954\/corteconstitucionalcronologico202454587\/t-695-12\/\" class=\"_self pt-cv-readmore btn btn-success\" target=\"_self\">Ver Sentencia Completa...<\/a><\/div><\/div><\/div><\/div>\n<div class=\"col-md-12 col-sm-12 col-xs-12 pt-cv-content-item pt-cv-1-col\" ><div class='pt-cv-ifield'><a href=\"https:\/\/www.dmsjuridica.com\/buscador_20179478954\/corteconstitucionalcronologico202454587\/t-694-12\/\" class=\"_self pt-cv-href-thumbnail pt-cv-thumb-default\" target=\"_self\" ><\/a>\n<div class=\"pt-cv-taxoterm above_title\"><a href='https:\/\/www.dmsjuridica.com\/buscador_20179478954\/corteconstitucionalcronologico202454587\/category\/buscar-en-toda-la-corte\/2012\/tutelas-2012\/' title='Tutelas 2012' class='pt-cv-tax-tutelas-2012'>Tutelas 2012<\/a><\/div>\n<h4 class=\"pt-cv-title\"><a href=\"https:\/\/www.dmsjuridica.com\/buscador_20179478954\/corteconstitucionalcronologico202454587\/t-694-12\/\" class=\"_self\" target=\"_self\" >T-694-12<\/a><\/h4>\n<div class=\"pt-cv-content\">\u00a0 \u00a0 Sentencia T-694\/12 \u00a0 DERECHO FUNDAMENTAL A LA SEGURIDAD PERSONAL-Vulneraci\u00f3n cuando el Estado no identifica y valora oportunamente un riesgo contra la vida o la integridad de una persona, o si adopta medidas de protecci\u00f3n que no se ajustan al caso \u00a0 El art\u00edculo 2\u00b0 de la Constituci\u00f3n establece entre los fines esenciales del Estado el de \u201cproteger a todas las personas residentes en Colombia, en su vida\u201d, y el de \u201casegurar\u201d la convivencia pac\u00edfica y la vigencia de un orden justo. Como se ve, la Constituci\u00f3n le asigna al Estado no s\u00f3lo el deber de proteger la vida ...<br \/><div class=\"pt-cv-rmwrap\"><a href=\"https:\/\/www.dmsjuridica.com\/buscador_20179478954\/corteconstitucionalcronologico202454587\/t-694-12\/\" class=\"_self pt-cv-readmore btn btn-success\" target=\"_self\">Ver Sentencia Completa...<\/a><\/div><\/div><\/div><\/div>\n<div class=\"col-md-12 col-sm-12 col-xs-12 pt-cv-content-item pt-cv-1-col\" ><div class='pt-cv-ifield'><a href=\"https:\/\/www.dmsjuridica.com\/buscador_20179478954\/corteconstitucionalcronologico202454587\/t-693-12\/\" class=\"_self pt-cv-href-thumbnail pt-cv-thumb-default\" target=\"_self\" ><\/a>\n<div class=\"pt-cv-taxoterm above_title\"><a href='https:\/\/www.dmsjuridica.com\/buscador_20179478954\/corteconstitucionalcronologico202454587\/category\/buscar-en-toda-la-corte\/2012\/tutelas-2012\/' title='Tutelas 2012' class='pt-cv-tax-tutelas-2012'>Tutelas 2012<\/a><\/div>\n<h4 class=\"pt-cv-title\"><a href=\"https:\/\/www.dmsjuridica.com\/buscador_20179478954\/corteconstitucionalcronologico202454587\/t-693-12\/\" class=\"_self\" target=\"_self\" >T-693-12<\/a><\/h4>\n<div class=\"pt-cv-content\">\u00a0 \u00a0 \u00a0\u00a0 Sentencia T-693\/12 \u00a0 ACCION DE TUTELA CONTRA ACTOS ADMINISTRATIVOS DE CARACTER PARTICULAR Y CONCRETO-Procedencia excepcional \u00a0 De manera reiterada la Corte ha indicado, por regla general, la improcedencia de la acci\u00f3n de tutela como mecanismo efectivo para la protecci\u00f3n de los derechos fundamentales que podr\u00edan verse vulnerados o amenazados como consecuencia de la expedici\u00f3n de un acto administrativo, por cuanto la resoluci\u00f3n de dicho asunto corresponde a la jurisdicci\u00f3n contencioso administrativa. Puesto que existen otros mecanismos judiciales y no judiciales para su defensa, como excepci\u00f3n a esa regla, la acci\u00f3n de tutela deviene en procedente cuando se ...<br \/><div class=\"pt-cv-rmwrap\"><a href=\"https:\/\/www.dmsjuridica.com\/buscador_20179478954\/corteconstitucionalcronologico202454587\/t-693-12\/\" class=\"_self pt-cv-readmore btn btn-success\" target=\"_self\">Ver Sentencia Completa...<\/a><\/div><\/div><\/div><\/div>\n<div class=\"col-md-12 col-sm-12 col-xs-12 pt-cv-content-item pt-cv-1-col\" ><div class='pt-cv-ifield'><a href=\"https:\/\/www.dmsjuridica.com\/buscador_20179478954\/corteconstitucionalcronologico202454587\/t-692-12\/\" class=\"_self pt-cv-href-thumbnail pt-cv-thumb-default\" target=\"_self\" ><\/a>\n<div class=\"pt-cv-taxoterm above_title\"><a href='https:\/\/www.dmsjuridica.com\/buscador_20179478954\/corteconstitucionalcronologico202454587\/category\/buscar-en-toda-la-corte\/2012\/tutelas-2012\/' title='Tutelas 2012' class='pt-cv-tax-tutelas-2012'>Tutelas 2012<\/a><\/div>\n<h4 class=\"pt-cv-title\"><a href=\"https:\/\/www.dmsjuridica.com\/buscador_20179478954\/corteconstitucionalcronologico202454587\/t-692-12\/\" class=\"_self\" target=\"_self\" >T-692-12<\/a><\/h4>\n<div class=\"pt-cv-content\">\u00a0 \u00a0 Sentencia T-692\/12 \u00a0 MEDICO TRATANTE-Persona id\u00f3nea para determinar cu\u00e1l es el tratamiento m\u00e9dico a seguir frente a patolog\u00eda concreta \u00a0 ACCESIBILIDAD A SERVICIOS MEDICOS REQUERIDOS CON NECESIDAD-En caso de no existir orden de m\u00e9dico tratante se protege la salud en la faceta de diagn\u00f3stico \u00a0 DERECHO AL DIAGNOSTICO-Garantiza a los usuarios del sistema de salud, el acceso a ex\u00e1menes indispensables para determinar si un servicio solicitado, sobre el cual no existe remisi\u00f3n del m\u00e9dico tratante, debe ser o no suministrado por la entidad responsable \u00a0 DERECHO AL DIAGNOSTICO-Servicio m\u00e9dico asistencial de enfermera domiciliaria como servicio requerido con necesidad ...<br \/><div class=\"pt-cv-rmwrap\"><a href=\"https:\/\/www.dmsjuridica.com\/buscador_20179478954\/corteconstitucionalcronologico202454587\/t-692-12\/\" class=\"_self pt-cv-readmore btn btn-success\" target=\"_self\">Ver Sentencia Completa...<\/a><\/div><\/div><\/div><\/div>\n<div class=\"col-md-12 col-sm-12 col-xs-12 pt-cv-content-item pt-cv-1-col\" ><div class='pt-cv-ifield'><a href=\"https:\/\/www.dmsjuridica.com\/buscador_20179478954\/corteconstitucionalcronologico202454587\/t-691-12\/\" class=\"_self pt-cv-href-thumbnail pt-cv-thumb-default\" target=\"_self\" ><\/a>\n<div class=\"pt-cv-taxoterm above_title\"><a href='https:\/\/www.dmsjuridica.com\/buscador_20179478954\/corteconstitucionalcronologico202454587\/category\/buscar-en-toda-la-corte\/2012\/tutelas-2012\/' title='Tutelas 2012' class='pt-cv-tax-tutelas-2012'>Tutelas 2012<\/a><\/div>\n<h4 class=\"pt-cv-title\"><a href=\"https:\/\/www.dmsjuridica.com\/buscador_20179478954\/corteconstitucionalcronologico202454587\/t-691-12\/\" class=\"_self\" target=\"_self\" >T-691-12<\/a><\/h4>\n<div class=\"pt-cv-content\">\u00a0 \u00a0 Sentencia T-691\/12 \u00a0 DERECHO A LA IGUALDAD Y PRINCIPIO DE NO DISCRIMINACION-Caso en que universidad desconoci\u00f3 derecho a la igualdad, a no ser discriminado y al debido proceso al no adelantar tr\u00e1mite de una solicitud presentada por estudiante \u00a0 CRITERIO DE DISCRIMINACION HISTORICA-Par\u00e1metro para la protecci\u00f3n especial por parte del Estado de determinadas categor\u00edas de personas y comunidades \u00a0 Las reglas y principios que inspiran el estado social y democr\u00e1tico de derecho que es Colombia, excluyen los actos de discriminaci\u00f3n en contra de cualquier persona. Son actuaciones contrarias al principio de dignidad humana y, por tanto, proscritas del ...<br \/><div class=\"pt-cv-rmwrap\"><a href=\"https:\/\/www.dmsjuridica.com\/buscador_20179478954\/corteconstitucionalcronologico202454587\/t-691-12\/\" class=\"_self pt-cv-readmore btn btn-success\" target=\"_self\">Ver Sentencia Completa...<\/a><\/div><\/div><\/div><\/div>\n<div class=\"col-md-12 col-sm-12 col-xs-12 pt-cv-content-item pt-cv-1-col\" ><div class='pt-cv-ifield'><a href=\"https:\/\/www.dmsjuridica.com\/buscador_20179478954\/corteconstitucionalcronologico202454587\/t-690-12\/\" class=\"_self pt-cv-href-thumbnail pt-cv-thumb-default\" target=\"_self\" ><\/a>\n<div class=\"pt-cv-taxoterm above_title\"><a href='https:\/\/www.dmsjuridica.com\/buscador_20179478954\/corteconstitucionalcronologico202454587\/category\/buscar-en-toda-la-corte\/2012\/tutelas-2012\/' title='Tutelas 2012' class='pt-cv-tax-tutelas-2012'>Tutelas 2012<\/a><\/div>\n<h4 class=\"pt-cv-title\"><a href=\"https:\/\/www.dmsjuridica.com\/buscador_20179478954\/corteconstitucionalcronologico202454587\/t-690-12\/\" class=\"_self\" target=\"_self\" >T-690-12<\/a><\/h4>\n<div class=\"pt-cv-content\">\u00a0 \u00a0 Sentencia T-690\/12 \u00a0 DERECHO A LA EDUCACION DE NI\u00d1OS Y NI\u00d1AS-Procedencia de la acci\u00f3n de tutela para su protecci\u00f3n \u00a0 FUNDAMENTALIDAD DEL DERECHO A LA EDUCACION DEL NI\u00d1O-Accesibilidad como componente b\u00e1sico \u00a0 DERECHO FUNDAMENTAL A LA EDUCACION DEL MENOR-El transporte escolar de ni\u00f1os y ni\u00f1as, en especial de aquellos que residen en zonas alejadas de la instituci\u00f3n educativa o de dif\u00edcil acceso, es una prestaci\u00f3n propia del derecho a la educaci\u00f3n \u00a0 PRINCIPIO DE CONFIANZA LEGITIMA EN MATERIA DE EDUCACION \u00a0 DERECHO A LA EDUCACION-Permanencia en el sistema educativo \u00a0 CARENCIA ACTUAL DE OBJETO POR HECHO SUPERADO-Configuraci\u00f3n \u00a0 ...<br \/><div class=\"pt-cv-rmwrap\"><a href=\"https:\/\/www.dmsjuridica.com\/buscador_20179478954\/corteconstitucionalcronologico202454587\/t-690-12\/\" class=\"_self pt-cv-readmore btn btn-success\" target=\"_self\">Ver Sentencia Completa...<\/a><\/div><\/div><\/div><\/div>\n<div class=\"col-md-12 col-sm-12 col-xs-12 pt-cv-content-item pt-cv-1-col\" ><div class='pt-cv-ifield'><a href=\"https:\/\/www.dmsjuridica.com\/buscador_20179478954\/corteconstitucionalcronologico202454587\/t-689-12\/\" class=\"_self pt-cv-href-thumbnail pt-cv-thumb-default\" target=\"_self\" ><\/a>\n<div class=\"pt-cv-taxoterm above_title\"><a href='https:\/\/www.dmsjuridica.com\/buscador_20179478954\/corteconstitucionalcronologico202454587\/category\/buscar-en-toda-la-corte\/2012\/tutelas-2012\/' title='Tutelas 2012' class='pt-cv-tax-tutelas-2012'>Tutelas 2012<\/a><\/div>\n<h4 class=\"pt-cv-title\"><a href=\"https:\/\/www.dmsjuridica.com\/buscador_20179478954\/corteconstitucionalcronologico202454587\/t-689-12\/\" class=\"_self\" target=\"_self\" >T-689-12<\/a><\/h4>\n<div class=\"pt-cv-content\">\u00a0 \u00a0 Sentencia T-689\/12 \u00a0 NI\u00d1OS Y NI\u00d1AS COMO SUJETOS DE ESPECIAL PROTECCION E INTERES SUPERIOR DEL MENOR-Protecci\u00f3n y sus derechos prevalecen sobre los derechos de los dem\u00e1s \u00a0 De conformidad con el art\u00edculo 44 de la Constituci\u00f3n son derechos fundamentales de los ni\u00f1os: la vida, la integridad f\u00edsica, la salud y seguridad social, la alimentaci\u00f3n equilibrada, su nombre y nacionalidad, tener una familia y no ser separado de ella, el cuidado y amor, la educaci\u00f3n y la cultura, la recreaci\u00f3n y la libre expresi\u00f3n de su opini\u00f3n. Gozan tambi\u00e9n de los dem\u00e1s derechos consagrados en la Constituci\u00f3n, en las ...<br \/><div class=\"pt-cv-rmwrap\"><a href=\"https:\/\/www.dmsjuridica.com\/buscador_20179478954\/corteconstitucionalcronologico202454587\/t-689-12\/\" class=\"_self pt-cv-readmore btn btn-success\" target=\"_self\">Ver Sentencia Completa...<\/a><\/div><\/div><\/div><\/div>\n<div class=\"col-md-12 col-sm-12 col-xs-12 pt-cv-content-item pt-cv-1-col\" ><div class='pt-cv-ifield'><a href=\"https:\/\/www.dmsjuridica.com\/buscador_20179478954\/corteconstitucionalcronologico202454587\/t-688-12\/\" class=\"_self pt-cv-href-thumbnail pt-cv-thumb-default\" target=\"_self\" ><\/a>\n<div class=\"pt-cv-taxoterm above_title\"><a href='https:\/\/www.dmsjuridica.com\/buscador_20179478954\/corteconstitucionalcronologico202454587\/category\/buscar-en-toda-la-corte\/2012\/tutelas-2012\/' title='Tutelas 2012' class='pt-cv-tax-tutelas-2012'>Tutelas 2012<\/a><\/div>\n<h4 class=\"pt-cv-title\"><a href=\"https:\/\/www.dmsjuridica.com\/buscador_20179478954\/corteconstitucionalcronologico202454587\/t-688-12\/\" class=\"_self\" target=\"_self\" >T-688-12<\/a><\/h4>\n<div class=\"pt-cv-content\">\u00a0 \u00a0 Sentencia T-688\/12 \u00a0 (Bogot\u00e1, D.C. agosto 28 de 2012) \u00a0 LEGITIMACION POR ACTIVA DEL MENOR-Cualquier persona est\u00e1 legitimada para solicitar amparo constitucional de sus derechos fundamentales\/AGENCIA OFICIOSA EN TUTELA-Abuela en representaci\u00f3n de menor \u00a0 Hay diferentes formas de que se configure la legitimaci\u00f3n por activa. Entre las que encontramos las siguientes: a) cuando la interposici\u00f3n de la acci\u00f3n se realiza a trav\u00e9s de apoderado judicial; b) cuando el que interpone la tutela es el representante legal, ya sea de una empresa o de un menor de edad, de un interdicto, etc.; c) cuando el afectado de manera directa ...<br \/><div class=\"pt-cv-rmwrap\"><a href=\"https:\/\/www.dmsjuridica.com\/buscador_20179478954\/corteconstitucionalcronologico202454587\/t-688-12\/\" class=\"_self pt-cv-readmore btn btn-success\" target=\"_self\">Ver Sentencia Completa...<\/a><\/div><\/div><\/div><\/div>\n<div class=\"col-md-12 col-sm-12 col-xs-12 pt-cv-content-item pt-cv-1-col\" ><div class='pt-cv-ifield'><a href=\"https:\/\/www.dmsjuridica.com\/buscador_20179478954\/corteconstitucionalcronologico202454587\/t-687-12\/\" class=\"_self pt-cv-href-thumbnail pt-cv-thumb-default\" target=\"_self\" ><\/a>\n<div class=\"pt-cv-taxoterm above_title\"><a href='https:\/\/www.dmsjuridica.com\/buscador_20179478954\/corteconstitucionalcronologico202454587\/category\/buscar-en-toda-la-corte\/2012\/tutelas-2012\/' title='Tutelas 2012' class='pt-cv-tax-tutelas-2012'>Tutelas 2012<\/a><\/div>\n<h4 class=\"pt-cv-title\"><a href=\"https:\/\/www.dmsjuridica.com\/buscador_20179478954\/corteconstitucionalcronologico202454587\/t-687-12\/\" class=\"_self\" target=\"_self\" >T-687-12<\/a><\/h4>\n<div class=\"pt-cv-content\">\u00a0 \u00a0 Sentencia T-687\/12 \u00a0 PROCEDENCIA EXCEPCIONAL DE LA ACCION DE TUTELA PARA RECONOCIMIENTO Y PAGO DE LA PENSION DE SOBREVIVIENTES-Reiteraci\u00f3n de jurisprudencia \u00a0 \u00a0 \u00a0 SEGURIDAD SOCIAL-Servicio p\u00fablico obligatorio \u00a0 \u00a0 \u00a0 PENSION DE SOBREVIVIENTES-Finalidad \u00a0 \u00a0 \u00a0 DERECHO A LA SEGURIDAD SOCIAL EN PENSIONES-Fundamental por su relaci\u00f3n con la dignidad humana \u00a0 \u00a0 \u00a0 DERECHO A LA SEGURIDAD SOCIAL-Ambito internacional \u00a0 \u00a0 \u00a0 PRINCIPIO DE NO REGRESIVIDAD EN EL DERECHO A LA SEGURIDAD SOCIAL-Reiteraci\u00f3n de jurisprudencia \u00a0 \u00a0 \u00a0 PRINCIPIO DE PROGRESIVIDAD DEL DERECHO A LA SEGURIDAD SOCIAL-Inaplicaci\u00f3n de medidas regresivas \u00a0 \u00a0 \u00a0 PENSION DE SOBREVIVIENTES Y ...<br \/><div class=\"pt-cv-rmwrap\"><a href=\"https:\/\/www.dmsjuridica.com\/buscador_20179478954\/corteconstitucionalcronologico202454587\/t-687-12\/\" class=\"_self pt-cv-readmore btn btn-success\" target=\"_self\">Ver Sentencia Completa...<\/a><\/div><\/div><\/div><\/div>\n<div class=\"col-md-12 col-sm-12 col-xs-12 pt-cv-content-item pt-cv-1-col\" ><div class='pt-cv-ifield'><a href=\"https:\/\/www.dmsjuridica.com\/buscador_20179478954\/corteconstitucionalcronologico202454587\/t-686-12\/\" class=\"_self pt-cv-href-thumbnail pt-cv-thumb-default\" target=\"_self\" ><\/a>\n<div class=\"pt-cv-taxoterm above_title\"><a href='https:\/\/www.dmsjuridica.com\/buscador_20179478954\/corteconstitucionalcronologico202454587\/category\/buscar-en-toda-la-corte\/2012\/tutelas-2012\/' title='Tutelas 2012' class='pt-cv-tax-tutelas-2012'>Tutelas 2012<\/a><\/div>\n<h4 class=\"pt-cv-title\"><a href=\"https:\/\/www.dmsjuridica.com\/buscador_20179478954\/corteconstitucionalcronologico202454587\/t-686-12\/\" class=\"_self\" target=\"_self\" >T-686-12<\/a><\/h4>\n<div class=\"pt-cv-content\">\u00a0 \u00a0 Sentencia T-686\/12 \u00a0 DERECHO AL MINIMO VITAL-Afectaci\u00f3n por demora u omisi\u00f3n en la inclusi\u00f3n en n\u00f3mina para el pago de la pensi\u00f3n de jubilaci\u00f3n \u00a0 \u00a0 \u00a0 DERECHO A LA SEGURIDAD SOCIAL-Servicio p\u00fablico de car\u00e1cter obligatorio \u00a0 \u00a0 \u00a0 DERECHO FUNDAMENTAL A LA SEGURIDAD SOCIAL Y DERECHO AL MINIMO VITAL-Relaci\u00f3n \u00a0 \u00a0 \u00a0 SISTEMA DE SEGURIDAD SOCIAL-Servicio p\u00fablico esencial \u00a0 \u00a0 \u00a0 PENSION DE VEJEZ-Definici\u00f3n \u00a0 \u00a0 \u00a0 RECONOCIMIENTO DE LA PENSION DE VEJEZ-Caracter\u00edstica \u00a0 \u00a0 \u00a0 DERECHO DE ACCEDER A LA PENSION Y DERECHO AL MINIMO VITAL-Relaci\u00f3n \u00a0 \u00a0 \u00a0 DERECHO DE ACCEDER A LA PENSION-Reconocimiento e ...<br \/><div class=\"pt-cv-rmwrap\"><a href=\"https:\/\/www.dmsjuridica.com\/buscador_20179478954\/corteconstitucionalcronologico202454587\/t-686-12\/\" class=\"_self pt-cv-readmore btn btn-success\" target=\"_self\">Ver Sentencia Completa...<\/a><\/div><\/div><\/div><\/div>\n<div class=\"col-md-12 col-sm-12 col-xs-12 pt-cv-content-item pt-cv-1-col\" ><div class='pt-cv-ifield'><a href=\"https:\/\/www.dmsjuridica.com\/buscador_20179478954\/corteconstitucionalcronologico202454587\/t-685-12\/\" class=\"_self pt-cv-href-thumbnail pt-cv-thumb-default\" target=\"_self\" ><\/a>\n<div class=\"pt-cv-taxoterm above_title\"><a href='https:\/\/www.dmsjuridica.com\/buscador_20179478954\/corteconstitucionalcronologico202454587\/category\/buscar-en-toda-la-corte\/2012\/tutelas-2012\/' title='Tutelas 2012' class='pt-cv-tax-tutelas-2012'>Tutelas 2012<\/a><\/div>\n<h4 class=\"pt-cv-title\"><a href=\"https:\/\/www.dmsjuridica.com\/buscador_20179478954\/corteconstitucionalcronologico202454587\/t-685-12\/\" class=\"_self\" target=\"_self\" >T-685-12<\/a><\/h4>\n<div class=\"pt-cv-content\">\u00a0 \u00a0 \u00a0 \u00a0 Sentencia T-685\/12 \u00a0 LEGITIMACION POR ACTIVA-Agencia oficiosa \u00a0 \u00a0 \u00a0 DERECHO A LA SALUD-Prestaci\u00f3n como servicio dentro del Sistema General de Seguridad Social en Salud \u00a0 \u00a0 \u00a0 DERECHO A LA SALUD EN CONSONANCIA CON LA DIGNIDAD HUMANA-Doble connotaci\u00f3n en tanto servicio p\u00fablico esencial como fundamental \u00a0 \u00a0 \u00a0 DERECHO A LA SALUD-Facetas \u00a0 \u00a0 \u00a0 SISTEMA DE SEGURIDAD SOCIAL EN SALUD-Principio de integralidad \u00a0 \u00a0 \u00a0 DERECHO A LA SALUD-Protecci\u00f3n de servicio no incluido en el POS cuando se requiera con necesidad \u00a0 \u00a0 \u00a0 DERECHO A LA SALUD-Atenci\u00f3n a pacientes cuando no medie orden ...<br \/><div class=\"pt-cv-rmwrap\"><a href=\"https:\/\/www.dmsjuridica.com\/buscador_20179478954\/corteconstitucionalcronologico202454587\/t-685-12\/\" class=\"_self pt-cv-readmore btn btn-success\" target=\"_self\">Ver Sentencia Completa...<\/a><\/div><\/div><\/div><\/div>\n<div class=\"col-md-12 col-sm-12 col-xs-12 pt-cv-content-item pt-cv-1-col\" ><div class='pt-cv-ifield'><a href=\"https:\/\/www.dmsjuridica.com\/buscador_20179478954\/corteconstitucionalcronologico202454587\/t-684-12\/\" class=\"_self pt-cv-href-thumbnail pt-cv-thumb-default\" target=\"_self\" ><\/a>\n<div class=\"pt-cv-taxoterm above_title\"><a href='https:\/\/www.dmsjuridica.com\/buscador_20179478954\/corteconstitucionalcronologico202454587\/category\/buscar-en-toda-la-corte\/2012\/tutelas-2012\/' title='Tutelas 2012' class='pt-cv-tax-tutelas-2012'>Tutelas 2012<\/a><\/div>\n<h4 class=\"pt-cv-title\"><a href=\"https:\/\/www.dmsjuridica.com\/buscador_20179478954\/corteconstitucionalcronologico202454587\/t-684-12\/\" class=\"_self\" target=\"_self\" >T-684-12<\/a><\/h4>\n<div class=\"pt-cv-content\">\u00a0 \u00a0 \u00a0 \u00a0 Sentencia T-684\/12 \u00a0 ACCION DE TUTELA DE PERSONA PREPENSIONADA CONTRA DEPARTAMENTO Y COMISION NACIONAL DEL SERVICIO CIVIL-Declaratoria de insubsistencia de nombramiento en provisionalidad por cumplir edad de retiro forzoso \u00a0 \u00a0 \u00a0 CARENCIA ACTUAL DE OBJETO-Da\u00f1o consumado y hecho superado \u00a0 \u00a0 \u00a0 DA\u00d1O CONSUMADO Y HECHO SUPERADO-Diferencias \u00a0 \u00a0 \u00a0 ACCION DE TUTELA DE PERSONA PREPENSIONADA CONTRA DEPARTAMENTO Y COMISION NACIONAL DEL SERVICIO CIVIL-Carencia actual de objeto por hecho superado por vinculaci\u00f3n a cargo que ocupaba con anterioridad a declaratoria de insubsistencia de nombramiento en provisionalidad \u00a0 Referencia: expediente T-3422045 \u00a0 Acci\u00f3n de tutela instaurada ...<br \/><div class=\"pt-cv-rmwrap\"><a href=\"https:\/\/www.dmsjuridica.com\/buscador_20179478954\/corteconstitucionalcronologico202454587\/t-684-12\/\" class=\"_self pt-cv-readmore btn btn-success\" target=\"_self\">Ver Sentencia Completa...<\/a><\/div><\/div><\/div><\/div>\n<div class=\"col-md-12 col-sm-12 col-xs-12 pt-cv-content-item pt-cv-1-col\" ><div class='pt-cv-ifield'><a href=\"https:\/\/www.dmsjuridica.com\/buscador_20179478954\/corteconstitucionalcronologico202454587\/t-683-12\/\" class=\"_self pt-cv-href-thumbnail pt-cv-thumb-default\" target=\"_self\" ><\/a>\n<div class=\"pt-cv-taxoterm above_title\"><a href='https:\/\/www.dmsjuridica.com\/buscador_20179478954\/corteconstitucionalcronologico202454587\/category\/buscar-en-toda-la-corte\/2012\/tutelas-2012\/' title='Tutelas 2012' class='pt-cv-tax-tutelas-2012'>Tutelas 2012<\/a><\/div>\n<h4 class=\"pt-cv-title\"><a href=\"https:\/\/www.dmsjuridica.com\/buscador_20179478954\/corteconstitucionalcronologico202454587\/t-683-12\/\" class=\"_self\" target=\"_self\" >T-683-12<\/a><\/h4>\n<div class=\"pt-cv-content\">\u00a0 \u00a0 Sentencia T-683\/12 \u00a0 JUEZ CONSTITUCIONAL-Facultad para fallar extra y ultra petita \u00a0 \u00a0 \u00a0 VICTIMAS DE DESASTRES NATURALES-Deberes del Estado \u00a0 \u00a0 \u00a0 ESTADO-Fines esenciales \u00a0 \u00a0 \u00a0 ESTADO-Deber de solidaridad \u00a0 \u00a0 \u00a0 SUBSIDIARIEDAD Y EXISTENCIA DE PERJUICIO IRREMEDIABLE PARA PROCEDENCIA DE LA ACCION DE TUTELA-Reiteraci\u00c3\u00b3n de jurisprudencia \u00a0 \u00a0 \u00a0 PRINCIPIO DE SUBSIDIARIEDAD DE LA ACCION DE TUTELA-Procedencia excepcional en caso de existir otro medio de defensa judicial \u00a0 \u00a0 \u00a0 PERJUICIO IRREMEDIABLE Y SUJETOS DE ESPECIAL PROTECCION-Relaci\u00c3\u00b3n \u00a0 \u00a0 \u00a0 DERECHO DE PETICION-Respuesta de fondo, oportuna y congruente \u00a0 \u00a0 \u00a0 DERECHO DE PETICION-N\u00c3\u00bacleo esencial ...<br \/><div class=\"pt-cv-rmwrap\"><a href=\"https:\/\/www.dmsjuridica.com\/buscador_20179478954\/corteconstitucionalcronologico202454587\/t-683-12\/\" class=\"_self pt-cv-readmore btn btn-success\" target=\"_self\">Ver Sentencia Completa...<\/a><\/div><\/div><\/div><\/div>\n<div class=\"col-md-12 col-sm-12 col-xs-12 pt-cv-content-item pt-cv-1-col\" ><div class='pt-cv-ifield'><a href=\"https:\/\/www.dmsjuridica.com\/buscador_20179478954\/corteconstitucionalcronologico202454587\/t-682-12\/\" class=\"_self pt-cv-href-thumbnail pt-cv-thumb-default\" target=\"_self\" ><\/a>\n<div class=\"pt-cv-taxoterm above_title\"><a href='https:\/\/www.dmsjuridica.com\/buscador_20179478954\/corteconstitucionalcronologico202454587\/category\/buscar-en-toda-la-corte\/2012\/tutelas-2012\/' title='Tutelas 2012' class='pt-cv-tax-tutelas-2012'>Tutelas 2012<\/a><\/div>\n<h4 class=\"pt-cv-title\"><a href=\"https:\/\/www.dmsjuridica.com\/buscador_20179478954\/corteconstitucionalcronologico202454587\/t-682-12\/\" class=\"_self\" target=\"_self\" >T-682-12<\/a><\/h4>\n<div class=\"pt-cv-content\">\u00a0 \u00a0 Sentencia T-682\/12 \u00a0 DERECHO DE ACCESO A LA CARRERA ADMINISTRATIVA-Procedencia de la acci\u00f3n de tutela \u00a0 Em lo referente a los concursos de m\u00e9ritos para acceder a cargos de carrera, esta Corporaci\u00f3n ha reivindicado la procedencia de la acci\u00f3n de tutela, pese a la acci\u00f3n de nulidad y restablecimiento del derecho ante la jurisdicci\u00f3n de lo contencioso administrativo, cuando \u00e9sta no ofrece la suficiente solidez para proteger en toda su dimensi\u00f3n los derechos a la igualdad, al trabajo, al debido proceso y el de acceso a los cargos p\u00fablicos. \u00a0 CARRERA ADMINISTRATIVA-Definici\u00f3n \u00a0 La carrera administrativa es un ...<br \/><div class=\"pt-cv-rmwrap\"><a href=\"https:\/\/www.dmsjuridica.com\/buscador_20179478954\/corteconstitucionalcronologico202454587\/t-682-12\/\" class=\"_self pt-cv-readmore btn btn-success\" target=\"_self\">Ver Sentencia Completa...<\/a><\/div><\/div><\/div><\/div>\n<div class=\"col-md-12 col-sm-12 col-xs-12 pt-cv-content-item pt-cv-1-col\" ><div class='pt-cv-ifield'><a href=\"https:\/\/www.dmsjuridica.com\/buscador_20179478954\/corteconstitucionalcronologico202454587\/t-681-12\/\" class=\"_self pt-cv-href-thumbnail pt-cv-thumb-default\" target=\"_self\" ><\/a>\n<div class=\"pt-cv-taxoterm above_title\"><a href='https:\/\/www.dmsjuridica.com\/buscador_20179478954\/corteconstitucionalcronologico202454587\/category\/buscar-en-toda-la-corte\/2012\/tutelas-2012\/' title='Tutelas 2012' class='pt-cv-tax-tutelas-2012'>Tutelas 2012<\/a><\/div>\n<h4 class=\"pt-cv-title\"><a href=\"https:\/\/www.dmsjuridica.com\/buscador_20179478954\/corteconstitucionalcronologico202454587\/t-681-12\/\" class=\"_self\" target=\"_self\" >T-681-12<\/a><\/h4>\n<div class=\"pt-cv-content\">\u00a0 \u00a0 \u00a0 \u00a0 Sentencia T-681\/12 \u00a0 DERECHO A LA SALUD COMO DERECHO FUNDAMENTAL-Reiteraci\u00f3n de jurisprudencia \u00a0 De manera constante ha se\u00f1alado esta Corte que el ser humano necesita mantener adecuados niveles de salud, no s\u00f3lo para sobrevivir, sino para desempe\u00f1arse apropiadamente como individuo, en familia y en sociedad, de modo que al surgir novedades que afecten los niveles de pervivencia estable y aun cuando no se est\u00e9 en presencia de una enfermedad letal, debe brindarse una atenci\u00f3n oportuna, para que el paciente mantenga el derecho a abrigar esperanzas de recuperaci\u00f3n, a recibir curaci\u00f3n o alivio a sus dolencias y ...<br \/><div class=\"pt-cv-rmwrap\"><a href=\"https:\/\/www.dmsjuridica.com\/buscador_20179478954\/corteconstitucionalcronologico202454587\/t-681-12\/\" class=\"_self pt-cv-readmore btn btn-success\" target=\"_self\">Ver Sentencia Completa...<\/a><\/div><\/div><\/div><\/div>\n<div class=\"col-md-12 col-sm-12 col-xs-12 pt-cv-content-item pt-cv-1-col\" ><div class='pt-cv-ifield'><a href=\"https:\/\/www.dmsjuridica.com\/buscador_20179478954\/corteconstitucionalcronologico202454587\/t-680-12\/\" class=\"_self pt-cv-href-thumbnail pt-cv-thumb-default\" target=\"_self\" ><\/a>\n<div class=\"pt-cv-taxoterm above_title\"><a href='https:\/\/www.dmsjuridica.com\/buscador_20179478954\/corteconstitucionalcronologico202454587\/category\/buscar-en-toda-la-corte\/2012\/tutelas-2012\/' title='Tutelas 2012' class='pt-cv-tax-tutelas-2012'>Tutelas 2012<\/a><\/div>\n<h4 class=\"pt-cv-title\"><a href=\"https:\/\/www.dmsjuridica.com\/buscador_20179478954\/corteconstitucionalcronologico202454587\/t-680-12\/\" class=\"_self\" target=\"_self\" >T-680-12<\/a><\/h4>\n<div class=\"pt-cv-content\">\u00a0 \u00a0 Sentencia T-680\/12 \u00a0 COMUNIDADES INDIGENAS Y AFRODESCENDIENTES-Derechos y prerrogativas \u00a0 Los derechos especiales de la poblaci\u00f3n afrodescendiente encuentran su fuente y primera referencia precisa en el art\u00edculo 7\u00b0 de la Constituci\u00f3n de 1991, conforme al cual \u201cEl Estado reconoce y protege la diversidad \u00e9tnica y cultural de la Naci\u00f3n colombiana\u201d. La Constituci\u00f3n de 1991 hace tambi\u00e9n un reconocimiento semejante, aunque relativamente m\u00e1s amplio, a los miembros de los pueblos y comunidades ind\u00edgenas, igualmente comprendido en el mandato general de protecci\u00f3n a la diversidad \u00e9tnica y cultural contenido en el art\u00edculo 7\u00b0 superior, pero tambi\u00e9n en otras normas constitucionales ...<br \/><div class=\"pt-cv-rmwrap\"><a href=\"https:\/\/www.dmsjuridica.com\/buscador_20179478954\/corteconstitucionalcronologico202454587\/t-680-12\/\" class=\"_self pt-cv-readmore btn btn-success\" target=\"_self\">Ver Sentencia Completa...<\/a><\/div><\/div><\/div><\/div>\n<div class=\"col-md-12 col-sm-12 col-xs-12 pt-cv-content-item pt-cv-1-col\" ><div class='pt-cv-ifield'><a href=\"https:\/\/www.dmsjuridica.com\/buscador_20179478954\/corteconstitucionalcronologico202454587\/t-679-12\/\" class=\"_self pt-cv-href-thumbnail pt-cv-thumb-default\" target=\"_self\" ><\/a>\n<div class=\"pt-cv-taxoterm above_title\"><a href='https:\/\/www.dmsjuridica.com\/buscador_20179478954\/corteconstitucionalcronologico202454587\/category\/buscar-en-toda-la-corte\/2012\/tutelas-2012\/' title='Tutelas 2012' class='pt-cv-tax-tutelas-2012'>Tutelas 2012<\/a><\/div>\n<h4 class=\"pt-cv-title\"><a href=\"https:\/\/www.dmsjuridica.com\/buscador_20179478954\/corteconstitucionalcronologico202454587\/t-679-12\/\" class=\"_self\" target=\"_self\" >T-679-12<\/a><\/h4>\n<div class=\"pt-cv-content\">\u00a0 \u00a0 Sentencia T-679\/12 \u00a0 DEFENSOR DE FAMILIA-Procedencia excepcional de tutela contra las actuaciones administrativas adelantadas por funcionarios del ICBF \u00a0 Trat\u00e1ndose de la amenaza o vulneraci\u00f3n de derechos fundamentales por las actuaciones administrativas adelantadas por los funcionarios del ICBF, ha se\u00f1alado la jurisprudencia constitucional, que si a trav\u00e9s de sus acciones u omisiones que en todo caso deben ajustarse a la Constituci\u00f3n y a la ley, se transgrede las normas o se amenazan o vulneran derechos fundamentales, proceder\u00e1 la tutela como mecanismo transitorio ante la existencia de un perjuicio iusfundamental de car\u00e1cter irremediable, \u201csin que ello signifique que el ...<br \/><div class=\"pt-cv-rmwrap\"><a href=\"https:\/\/www.dmsjuridica.com\/buscador_20179478954\/corteconstitucionalcronologico202454587\/t-679-12\/\" class=\"_self pt-cv-readmore btn btn-success\" target=\"_self\">Ver Sentencia Completa...<\/a><\/div><\/div><\/div><\/div>\n<div class=\"col-md-12 col-sm-12 col-xs-12 pt-cv-content-item pt-cv-1-col\" ><div class='pt-cv-ifield'><a href=\"https:\/\/www.dmsjuridica.com\/buscador_20179478954\/corteconstitucionalcronologico202454587\/t-678-12\/\" class=\"_self pt-cv-href-thumbnail pt-cv-thumb-default\" target=\"_self\" ><\/a>\n<div class=\"pt-cv-taxoterm above_title\"><a href='https:\/\/www.dmsjuridica.com\/buscador_20179478954\/corteconstitucionalcronologico202454587\/category\/buscar-en-toda-la-corte\/2012\/tutelas-2012\/' title='Tutelas 2012' class='pt-cv-tax-tutelas-2012'>Tutelas 2012<\/a><\/div>\n<h4 class=\"pt-cv-title\"><a href=\"https:\/\/www.dmsjuridica.com\/buscador_20179478954\/corteconstitucionalcronologico202454587\/t-678-12\/\" class=\"_self\" target=\"_self\" >T-678-12<\/a><\/h4>\n<div class=\"pt-cv-content\">\u00a0 \u00a0 Sentencia T-678\/12 \u00a0 PRINCIPIO DE SUBSIDIARIEDAD DE LA ACCION DE TUTELA-Procedencia excepcional en caso de no existir otro medio de defensa judicial\u00a0 \u00a0 Esta Corporaci\u00f3n ha se\u00f1alado que la acci\u00f3n de tutela tiene un car\u00e1cter residual y subsidiario, por lo que s\u00f3lo puede acudirse a este mecanismo ante la inexistencia, ineficacia o falta de idoneidad de otros medios de defensa judicial, o ante la posibilidad de que se configure de un perjuicio irremediable.\u00a0 \u00a0 DERECHO AL DEBIDO PROCESO ADMINISTRATIVO-Definici\u00f3n y objeto\u00a0 \u00a0 El debido proceso administrativo se ha definido como la regulaci\u00f3n jur\u00eddica que de manera previa limita ...<br \/><div class=\"pt-cv-rmwrap\"><a href=\"https:\/\/www.dmsjuridica.com\/buscador_20179478954\/corteconstitucionalcronologico202454587\/t-678-12\/\" class=\"_self pt-cv-readmore btn btn-success\" target=\"_self\">Ver Sentencia Completa...<\/a><\/div><\/div><\/div><\/div>\n<div class=\"col-md-12 col-sm-12 col-xs-12 pt-cv-content-item pt-cv-1-col\" ><div class='pt-cv-ifield'><a href=\"https:\/\/www.dmsjuridica.com\/buscador_20179478954\/corteconstitucionalcronologico202454587\/t-677-12\/\" class=\"_self pt-cv-href-thumbnail pt-cv-thumb-default\" target=\"_self\" ><\/a>\n<div class=\"pt-cv-taxoterm above_title\"><a href='https:\/\/www.dmsjuridica.com\/buscador_20179478954\/corteconstitucionalcronologico202454587\/category\/buscar-en-toda-la-corte\/2012\/tutelas-2012\/' title='Tutelas 2012' class='pt-cv-tax-tutelas-2012'>Tutelas 2012<\/a><\/div>\n<h4 class=\"pt-cv-title\"><a href=\"https:\/\/www.dmsjuridica.com\/buscador_20179478954\/corteconstitucionalcronologico202454587\/t-677-12\/\" class=\"_self\" target=\"_self\" >T-677-12<\/a><\/h4>\n<div class=\"pt-cv-content\">\u00a0 \u00a0 NOTA DE RELATORIA: Mediante auto 039 del siete (7) de marzo de dos mil trece (13) se corrigi\u00f3 la presente sentencia, espec\u00edficamente, los numerales segundo y tercero. \u00a0\u00a0 \u00a0 Sentencia T-677\/12 \u00a0 ACCION DE TUTELA PARA RECONOCIMIENTO DE PENSION DE INVALIDEZ-Procedencia excepcional \u00a0 ACCION DE TUTELA Y PRINCIPIO DE INMEDIATEZ-No es exigible de manera estricta el principio de inmediatez cuando la vulneraci\u00f3n ha continuado en el tiempo \u00a0 SUJETOS DE ESPECIAL PROTECCION CONSTITUCIONAL QUE SE ENCUENTRAN EN UN ESTADO DE DEBILIDAD MANIFIESTA-Persona con discapacidad o con alguna enfermedad grave, especial situaci\u00f3n de los miembros de la Fuerza P\u00fablica ...<br \/><div class=\"pt-cv-rmwrap\"><a href=\"https:\/\/www.dmsjuridica.com\/buscador_20179478954\/corteconstitucionalcronologico202454587\/t-677-12\/\" class=\"_self pt-cv-readmore btn btn-success\" target=\"_self\">Ver Sentencia Completa...<\/a><\/div><\/div><\/div><\/div>\n<div class=\"col-md-12 col-sm-12 col-xs-12 pt-cv-content-item pt-cv-1-col\" ><div class='pt-cv-ifield'><a href=\"https:\/\/www.dmsjuridica.com\/buscador_20179478954\/corteconstitucionalcronologico202454587\/t-676-12\/\" class=\"_self pt-cv-href-thumbnail pt-cv-thumb-default\" target=\"_self\" ><\/a>\n<div class=\"pt-cv-taxoterm above_title\"><a href='https:\/\/www.dmsjuridica.com\/buscador_20179478954\/corteconstitucionalcronologico202454587\/category\/buscar-en-toda-la-corte\/2012\/tutelas-2012\/' title='Tutelas 2012' class='pt-cv-tax-tutelas-2012'>Tutelas 2012<\/a><\/div>\n<h4 class=\"pt-cv-title\"><a href=\"https:\/\/www.dmsjuridica.com\/buscador_20179478954\/corteconstitucionalcronologico202454587\/t-676-12\/\" class=\"_self\" target=\"_self\" >T-676-12<\/a><\/h4>\n<div class=\"pt-cv-content\">\u00a0 \u00a0 Sentencia T-676\/12 \u00a0 PROTECCION CONSTITUCIONAL ESPECIAL DE PERSONAS PORTADORAS DE VIH\/SIDA-Desarrollo jurisprudencial \u00a0 REGIMEN SUBSIDIADO DE SALUD-Car\u00e1cter transitorio de la calidad de vinculado \u00a0 DERECHO A LA SALUD-Orden de garantizar afiliaci\u00f3n permanente del accionante al Sistema de Seguridad Social en Salud por parte de la Secretaria de Salud de Girardot \u00a0 Referencia: expediente T-3468372 \u00a0 Acci\u00f3n de tutela presentada por Ana, actuando como agente oficioso de Pedro, contra Caprecom IPS Nuevo Hospital San Rafael de Girardot, y la Secretar\u00eda de Salud Municipal de Girardot \u00a0 \u00a0 Magistrada Ponente:\u00a0 \u00a0 MAR\u00cdA VICTORIA CALLE CORREA \u00a0 Bogot\u00e1, D.C., veinticuatro (24) ...<br \/><div class=\"pt-cv-rmwrap\"><a href=\"https:\/\/www.dmsjuridica.com\/buscador_20179478954\/corteconstitucionalcronologico202454587\/t-676-12\/\" class=\"_self pt-cv-readmore btn btn-success\" target=\"_self\">Ver Sentencia Completa...<\/a><\/div><\/div><\/div><\/div>\n<div class=\"col-md-12 col-sm-12 col-xs-12 pt-cv-content-item pt-cv-1-col\" ><div class='pt-cv-ifield'><a href=\"https:\/\/www.dmsjuridica.com\/buscador_20179478954\/corteconstitucionalcronologico202454587\/t-675-12\/\" class=\"_self pt-cv-href-thumbnail pt-cv-thumb-default\" target=\"_self\" ><\/a>\n<div class=\"pt-cv-taxoterm above_title\"><a href='https:\/\/www.dmsjuridica.com\/buscador_20179478954\/corteconstitucionalcronologico202454587\/category\/buscar-en-toda-la-corte\/2012\/tutelas-2012\/' title='Tutelas 2012' class='pt-cv-tax-tutelas-2012'>Tutelas 2012<\/a><\/div>\n<h4 class=\"pt-cv-title\"><a href=\"https:\/\/www.dmsjuridica.com\/buscador_20179478954\/corteconstitucionalcronologico202454587\/t-675-12\/\" class=\"_self\" target=\"_self\" >T-675-12<\/a><\/h4>\n<div class=\"pt-cv-content\">\u00a0 \u00a0 Sentencia T-675\/12 \u00a0 (Bogot\u00e1, DC, agosto 24 de 2012) \u00a0 ACCION DE TUTELA-Procedencia\u00a0 \u00a0 ACCION DE TUTELA-Subsidiariedad\u00a0 \u00a0 ACCION DE TUTELA-Inmediatez\u00a0 \u00a0 CARENCIA ACTUAL DE OBJETO POR HECHO SUPERADO-Configuraci\u00f3n \u00a0 La carencia actual por hecho superado, se da cuando la pretensi\u00f3n es satisfecha antes de que el fallo de tutela sea proferido, con lo cual, se torna inocuo impartir alguna orden encaminada a superar la situaci\u00f3n ya finiquitada. En tal caso, el juez constitucional deber\u00e1 pronunciarse sobre los derechos invocados y la situaci\u00f3n f\u00e1ctica que gener\u00f3 la interposici\u00f3n de la acci\u00f3n de tutela. \u00a0 CARENCIA ACTUAL DE OBJETO ...<br \/><div class=\"pt-cv-rmwrap\"><a href=\"https:\/\/www.dmsjuridica.com\/buscador_20179478954\/corteconstitucionalcronologico202454587\/t-675-12\/\" class=\"_self pt-cv-readmore btn btn-success\" target=\"_self\">Ver Sentencia Completa...<\/a><\/div><\/div><\/div><\/div>\n<div class=\"col-md-12 col-sm-12 col-xs-12 pt-cv-content-item pt-cv-1-col\" ><div class='pt-cv-ifield'><a href=\"https:\/\/www.dmsjuridica.com\/buscador_20179478954\/corteconstitucionalcronologico202454587\/t-674-12\/\" class=\"_self pt-cv-href-thumbnail pt-cv-thumb-default\" target=\"_self\" ><\/a>\n<div class=\"pt-cv-taxoterm above_title\"><a href='https:\/\/www.dmsjuridica.com\/buscador_20179478954\/corteconstitucionalcronologico202454587\/category\/buscar-en-toda-la-corte\/2012\/tutelas-2012\/' title='Tutelas 2012' class='pt-cv-tax-tutelas-2012'>Tutelas 2012<\/a><\/div>\n<h4 class=\"pt-cv-title\"><a href=\"https:\/\/www.dmsjuridica.com\/buscador_20179478954\/corteconstitucionalcronologico202454587\/t-674-12\/\" class=\"_self\" target=\"_self\" >T-674-12<\/a><\/h4>\n<div class=\"pt-cv-content\">\u00a0 \u00a0 Sentencia T-674\/12 \u00a0 \u00a0(Bogot\u00e1 DC, 24 de agosto de 2012) \u00a0 ACCION DE TUTELA-Procedencia\u00a0 \u00a0 ACCION DE TUTELA-Subsidiariedad\u00a0 \u00a0 ACCION DE TUTELA-Inmediatez\u00a0 \u00a0 ACCION DE TUTELA EN MATERIA PENSIONAL-Vulneraci\u00f3n al debido proceso y a la igualdad por omisi\u00f3n de pago de aportes a trabajador que laboro con anterioridad a la entrada en vigencia de la Ley 100 de 1993 \u00a0 ACCION DE TUTELA EN MATERIA PENSIONAL-Ordenar a liquidador elaborar calculo actuarial individual correspondiente al per\u00edodo laborado por el accionante \u00a0 Referencia: Expedientes T- 3.364.906. \u00a0 \u00a0\u00a0 Fallos de tutela objeto revisi\u00f3n: sentencia del Consejo de Estado - Sala ...<br \/><div class=\"pt-cv-rmwrap\"><a href=\"https:\/\/www.dmsjuridica.com\/buscador_20179478954\/corteconstitucionalcronologico202454587\/t-674-12\/\" class=\"_self pt-cv-readmore btn btn-success\" target=\"_self\">Ver Sentencia Completa...<\/a><\/div><\/div><\/div><\/div>\n<div class=\"col-md-12 col-sm-12 col-xs-12 pt-cv-content-item pt-cv-1-col\" ><div class='pt-cv-ifield'><a href=\"https:\/\/www.dmsjuridica.com\/buscador_20179478954\/corteconstitucionalcronologico202454587\/t-673-12\/\" class=\"_self pt-cv-href-thumbnail pt-cv-thumb-default\" target=\"_self\" ><\/a>\n<div class=\"pt-cv-taxoterm above_title\"><a href='https:\/\/www.dmsjuridica.com\/buscador_20179478954\/corteconstitucionalcronologico202454587\/category\/buscar-en-toda-la-corte\/2012\/tutelas-2012\/' title='Tutelas 2012' class='pt-cv-tax-tutelas-2012'>Tutelas 2012<\/a><\/div>\n<h4 class=\"pt-cv-title\"><a href=\"https:\/\/www.dmsjuridica.com\/buscador_20179478954\/corteconstitucionalcronologico202454587\/t-673-12\/\" class=\"_self\" target=\"_self\" >T-673-12<\/a><\/h4>\n<div class=\"pt-cv-content\">\u00a0 \u00a0 NOTA DE RELATORIA: Mediante auto 290 de 2013, el cual se adjunta al final de la presente providencia, se \u00a0corrige el pie de p\u00e1gina No. 12 contenido en la parte motiva de la misma.\u00a0 \u00a0 \u00a0\u00a0 \u00a0 Sentencia T-673\/12 \u00a0 (Bogot\u00e1, D.C., agosto 24) \u00a0 ACCION DE TUTELA CONTRA PROVIDENCIAS JUDICIALES-Reiteraci\u00f3n de jurisprudencia \u00a0 ACCION DE TUTELA CONTRA PROVIDENCIAS JUDICIALES-Requisitos generales de procedibilidad \u00a0 ACCION DE TUTELA CONTRA PROVIDENCIAS JUDICIALES-Requisitos especiales de procedibilidad \u00a0 DEFECTO FACTICO-Reiteraci\u00f3n de jurisprudencia \u00a0 DEFECTO FACTICO-Dimensi\u00f3n negativa y positiva \u00a0 La Corte ha identificado dos dimensiones en que se presentan defectos f\u00e1cticos: 1) ...<br \/><div class=\"pt-cv-rmwrap\"><a href=\"https:\/\/www.dmsjuridica.com\/buscador_20179478954\/corteconstitucionalcronologico202454587\/t-673-12\/\" class=\"_self pt-cv-readmore btn btn-success\" target=\"_self\">Ver Sentencia Completa...<\/a><\/div><\/div><\/div><\/div>\n<div class=\"col-md-12 col-sm-12 col-xs-12 pt-cv-content-item pt-cv-1-col\" ><div class='pt-cv-ifield'><a href=\"https:\/\/www.dmsjuridica.com\/buscador_20179478954\/corteconstitucionalcronologico202454587\/t-672-12\/\" class=\"_self pt-cv-href-thumbnail pt-cv-thumb-default\" target=\"_self\" ><\/a>\n<div class=\"pt-cv-taxoterm above_title\"><a href='https:\/\/www.dmsjuridica.com\/buscador_20179478954\/corteconstitucionalcronologico202454587\/category\/buscar-en-toda-la-corte\/2012\/tutelas-2012\/' title='Tutelas 2012' class='pt-cv-tax-tutelas-2012'>Tutelas 2012<\/a><\/div>\n<h4 class=\"pt-cv-title\"><a href=\"https:\/\/www.dmsjuridica.com\/buscador_20179478954\/corteconstitucionalcronologico202454587\/t-672-12\/\" class=\"_self\" target=\"_self\" >T-672-12<\/a><\/h4>\n<div class=\"pt-cv-content\">\u00a0 \u00a0 Sentencia T-672\/12 \u00a0 (Bogot\u00e1 DC, agosto 24) \u00a0 ACCION DE TUTELA CONTRA PROVIDENCIAS JUDICIALES-Reiteraci\u00f3n de jurisprudencia\u00a0 \u00a0 ACCION DE TUTELA CONTRA PROVIDENCIAS JUDICIALES-Causales gen\u00e9ricas y especiales de procedibilidad \u00a0 ACCION DE TUTELA-Subsidiariedad\u00a0 \u00a0 ACCION DE TUTELA CONTRA PROVIDENCIAS JUDICIALES-Defecto org\u00e1nico\u00a0 \u00a0 En reiterada jurisprudencia la Corte Constitucional ha establecido que se est\u00e1 frente a un defecto org\u00e1nico cuando (i) la autoridad que expidi\u00f3 la providencia carece de competencia para ello, (ii) o asume una competencia que no le corresponde, (iii) de igual manera, cuando adelante alguna actuaci\u00f3n por fuera del t\u00e9rmino contemplado en la ley. En efecto, cuando ...<br \/><div class=\"pt-cv-rmwrap\"><a href=\"https:\/\/www.dmsjuridica.com\/buscador_20179478954\/corteconstitucionalcronologico202454587\/t-672-12\/\" class=\"_self pt-cv-readmore btn btn-success\" target=\"_self\">Ver Sentencia Completa...<\/a><\/div><\/div><\/div><\/div>\n<div class=\"col-md-12 col-sm-12 col-xs-12 pt-cv-content-item pt-cv-1-col\" ><div class='pt-cv-ifield'><a href=\"https:\/\/www.dmsjuridica.com\/buscador_20179478954\/corteconstitucionalcronologico202454587\/t-671-12\/\" class=\"_self pt-cv-href-thumbnail pt-cv-thumb-default\" target=\"_self\" ><\/a>\n<div class=\"pt-cv-taxoterm above_title\"><a href='https:\/\/www.dmsjuridica.com\/buscador_20179478954\/corteconstitucionalcronologico202454587\/category\/buscar-en-toda-la-corte\/2012\/tutelas-2012\/' title='Tutelas 2012' class='pt-cv-tax-tutelas-2012'>Tutelas 2012<\/a><\/div>\n<h4 class=\"pt-cv-title\"><a href=\"https:\/\/www.dmsjuridica.com\/buscador_20179478954\/corteconstitucionalcronologico202454587\/t-671-12\/\" class=\"_self\" target=\"_self\" >T-671-12<\/a><\/h4>\n<div class=\"pt-cv-content\">\u00a0 \u00a0 Sentencia T-671\/12 \u00a0 CALIFICACION DE LA PERDIDA DE CAPACIDAD LABORAL-Importancia\u00a0 \u00a0 SISTEMA DE RIESGOS PROFESIONALES-Contenido y alcance\/SISTEMA DE RIESGOS PROFESIONALES-Finalidad\u00a0 \u00a0 DERECHO A LA VALORACION DE LA PERDIDA DE CAPACIDAD LABORAL-Reiteraci\u00f3n de jurisprudencia \u00a0 SISTEMA DE RIESGOS PROFESIONALES-Diagn\u00f3stico y concepto definitivo sobre rehabilitaci\u00f3n o imposibilidad de la misma, para proceder a la calificaci\u00f3n de origen y p\u00e9rdida de capacidad laboral\u00a0 \u00a0 Referencia: expediente T-3.433.088 \u00a0 Accionante: Vilma Yanet Segura Barrios \u00a0 \u00a0 \u00a0 \u00a0 \u00a0 \u00a0 \u00a0 \u00a0 \u00a0 \u00a0 \u00a0 \u00a0 \u00a0 Accionado: Positiva Compa\u00f1\u00eda de Seguros S.A. \u00a0 Magistrado Ponente: \u00a0 GABRIEL EDUARDO MENDOZA MARTELO \u00a0 ...<br \/><div class=\"pt-cv-rmwrap\"><a href=\"https:\/\/www.dmsjuridica.com\/buscador_20179478954\/corteconstitucionalcronologico202454587\/t-671-12\/\" class=\"_self pt-cv-readmore btn btn-success\" target=\"_self\">Ver Sentencia Completa...<\/a><\/div><\/div><\/div><\/div>\n<div class=\"col-md-12 col-sm-12 col-xs-12 pt-cv-content-item pt-cv-1-col\" ><div class='pt-cv-ifield'><a href=\"https:\/\/www.dmsjuridica.com\/buscador_20179478954\/corteconstitucionalcronologico202454587\/t-670-12\/\" class=\"_self pt-cv-href-thumbnail pt-cv-thumb-default\" target=\"_self\" ><\/a>\n<div class=\"pt-cv-taxoterm above_title\"><a href='https:\/\/www.dmsjuridica.com\/buscador_20179478954\/corteconstitucionalcronologico202454587\/category\/buscar-en-toda-la-corte\/2012\/tutelas-2012\/' title='Tutelas 2012' class='pt-cv-tax-tutelas-2012'>Tutelas 2012<\/a><\/div>\n<h4 class=\"pt-cv-title\"><a href=\"https:\/\/www.dmsjuridica.com\/buscador_20179478954\/corteconstitucionalcronologico202454587\/t-670-12\/\" class=\"_self\" target=\"_self\" >T-670-12<\/a><\/h4>\n<div class=\"pt-cv-content\">\u00a0 \u00a0 Sentencia T-670\/12 \u00a0 TRASLADO DE REGIMEN DE AHORRO INDIVIDUAL CON SOLIDARIDAD A REGIMEN DE PRIMA MEDIA CON PRESTACION DEFINIDA-Reglas jurisprudenciales\u00a0 \u00a0 DERECHO A LA SEGURIDAD SOCIAL-Procedencia excepcional de tutela \u00a0 REGIMENES PENSIONALES-Contenido y alcance \u00a0 TRASLADO DEL REGIMEN DE AHORRO INDIVIDUAL AL REGIMEN DE PRIMA MEDIA EN EL CASO DE LOS BENEFICIARIOS DEL REGIMEN DE TRANSICION-Evoluci\u00f3n jurisprudencial\u00a0 \u00a0 REGIMEN DE TRANSICION DE CONGRESISTAS-Contenido normativo \u00a0 ACCION DE TUTELA-Subsidiariedad\/PRINCIPIO DE SUBSIDIARIEDAD DE LA ACCION DE TUTELA-Reiteraci\u00f3n de jurisprudencia \u00a0 \u00a0 Referencia: expedientes T-3.418.675 y \u00a0 \u00a0 \u00a0 \u00a0 \u00a0 \u00a0 \u00a0 \u00a0T-3.422.102 (Acumulados) \u00a0 Demandantes: Alirio Tarazona Hern\u00e1ndez y ...<br \/><div class=\"pt-cv-rmwrap\"><a href=\"https:\/\/www.dmsjuridica.com\/buscador_20179478954\/corteconstitucionalcronologico202454587\/t-670-12\/\" class=\"_self pt-cv-readmore btn btn-success\" target=\"_self\">Ver Sentencia Completa...<\/a><\/div><\/div><\/div><\/div>\n<div class=\"col-md-12 col-sm-12 col-xs-12 pt-cv-content-item pt-cv-1-col\" ><div class='pt-cv-ifield'><a href=\"https:\/\/www.dmsjuridica.com\/buscador_20179478954\/corteconstitucionalcronologico202454587\/t-669-12\/\" class=\"_self pt-cv-href-thumbnail pt-cv-thumb-default\" target=\"_self\" ><\/a>\n<div class=\"pt-cv-taxoterm above_title\"><a href='https:\/\/www.dmsjuridica.com\/buscador_20179478954\/corteconstitucionalcronologico202454587\/category\/buscar-en-toda-la-corte\/2012\/tutelas-2012\/' title='Tutelas 2012' class='pt-cv-tax-tutelas-2012'>Tutelas 2012<\/a><\/div>\n<h4 class=\"pt-cv-title\"><a href=\"https:\/\/www.dmsjuridica.com\/buscador_20179478954\/corteconstitucionalcronologico202454587\/t-669-12\/\" class=\"_self\" target=\"_self\" >T-669-12<\/a><\/h4>\n<div class=\"pt-cv-content\">\u00a0 \u00a0 Sentencia T-669\/12 \u00a0 TRASLADO DE INTERNO Y DERECHO DE LOS NI\u00d1OS A TENER UNA FAMILIA Y NO SER SEPARADOS DE ELLA-Caso en que establecimiento carcelario niega traslado de recluso a una c\u00e1rcel en el lugar de residencia donde se encuentran sus hijos\u00a0 \u00a0 DERECHO DE LOS NI\u00d1OS, NI\u00d1AS Y ADOLESCENTES A TENER UNA FAMILIA Y A NO SER SEPARADOS DE ELLA-Reiteraci\u00f3n de jurisprudencia\u00a0 \u00a0 El art\u00edculo 44 Superior establece el derecho de la poblaci\u00f3n infantil a tener una familia y no ser separado de ella, al cuidado y al amor, con car\u00e1cter fundamental. Adicionalmente, impuso a la familia, ...<br \/><div class=\"pt-cv-rmwrap\"><a href=\"https:\/\/www.dmsjuridica.com\/buscador_20179478954\/corteconstitucionalcronologico202454587\/t-669-12\/\" class=\"_self pt-cv-readmore btn btn-success\" target=\"_self\">Ver Sentencia Completa...<\/a><\/div><\/div><\/div><\/div>\n<div class=\"col-md-12 col-sm-12 col-xs-12 pt-cv-content-item pt-cv-1-col\" ><div class='pt-cv-ifield'><a href=\"https:\/\/www.dmsjuridica.com\/buscador_20179478954\/corteconstitucionalcronologico202454587\/t-668-12\/\" class=\"_self pt-cv-href-thumbnail pt-cv-thumb-default\" target=\"_self\" ><\/a>\n<div class=\"pt-cv-taxoterm above_title\"><a href='https:\/\/www.dmsjuridica.com\/buscador_20179478954\/corteconstitucionalcronologico202454587\/category\/buscar-en-toda-la-corte\/2012\/tutelas-2012\/' title='Tutelas 2012' class='pt-cv-tax-tutelas-2012'>Tutelas 2012<\/a><\/div>\n<h4 class=\"pt-cv-title\"><a href=\"https:\/\/www.dmsjuridica.com\/buscador_20179478954\/corteconstitucionalcronologico202454587\/t-668-12\/\" class=\"_self\" target=\"_self\" >T-668-12<\/a><\/h4>\n<div class=\"pt-cv-content\">\u00a0 \u00a0 Sentencia T-668\/12 \u00a0 EDAD DE RETIRO FORZOSO COMO CAUSAL DE DESVINCULACION DE SERVIDORES PUBLICOS-Contenido y alcance\/EDAD DE RETIRO FORZOSO COMO CAUSAL DE DESVINCULACION DE SERVIDORES PUBLICOS-Jurisprudencia constitucional\u00a0 \u00a0 El marco constitucional de los servidores p\u00fablicos est\u00e1 regido por el cap\u00edtulo segundo del t\u00edtulo quinto de la Carta, el cual, en l\u00edneas generales, define qui\u00e9nes son servidores p\u00fablicos, establece algunas exigencias para acceder a la funci\u00f3n p\u00fablica, determina su responsabilidad, fija algunas prohibiciones y precisa su sistema de nombramiento. Asimismo, el art\u00edculo 125 superior se\u00f1ala que el retiro de los cargos de carrera se har\u00e1 \u201cpor calificaci\u00f3n no satisfactoria ...<br \/><div class=\"pt-cv-rmwrap\"><a href=\"https:\/\/www.dmsjuridica.com\/buscador_20179478954\/corteconstitucionalcronologico202454587\/t-668-12\/\" class=\"_self pt-cv-readmore btn btn-success\" target=\"_self\">Ver Sentencia Completa...<\/a><\/div><\/div><\/div><\/div>\n<div class=\"col-md-12 col-sm-12 col-xs-12 pt-cv-content-item pt-cv-1-col\" ><div class='pt-cv-ifield'><a href=\"https:\/\/www.dmsjuridica.com\/buscador_20179478954\/corteconstitucionalcronologico202454587\/t-667-12\/\" class=\"_self pt-cv-href-thumbnail pt-cv-thumb-default\" target=\"_self\" ><\/a>\n<div class=\"pt-cv-taxoterm above_title\"><a href='https:\/\/www.dmsjuridica.com\/buscador_20179478954\/corteconstitucionalcronologico202454587\/category\/buscar-en-toda-la-corte\/2012\/tutelas-2012\/' title='Tutelas 2012' class='pt-cv-tax-tutelas-2012'>Tutelas 2012<\/a><\/div>\n<h4 class=\"pt-cv-title\"><a href=\"https:\/\/www.dmsjuridica.com\/buscador_20179478954\/corteconstitucionalcronologico202454587\/t-667-12\/\" class=\"_self\" target=\"_self\" >T-667-12<\/a><\/h4>\n<div class=\"pt-cv-content\">\u00a0 \u00a0 Sentencia T-667\/12 \u00a0 SERVICIO MILITAR OBLIGATORIO-Jurisprudencia constitucional\/SERVICIO MILITAR OBLIGATORIO-Contenido y alcance \u00a0 ESTADO SOCIAL DE DERECHO-Fines esenciales\/DEBERES CONSTITUCIONALES-Contenido\u00a0 \u00a0 SERVICIO MILITAR-Deber constitucional \u00a0 SERVICIO MILITAR OBLIGATORIO-Modalidades temporales para su prestaci\u00f3n \u00a0 SERVICIO MILITAR OBLIGATORIO-Exenciones\u00a0 \u00a0 UNION MARITAL DE HECHO COMO EXENCION DEL SERVICIO MILITAR OBLIGATORIO-Medios de prueba \u00a0 REGIMEN CONSTITUCIONAL DE PROTECCION A LA FAMILIA-Jurisprudencia constitucional\u00a0 \u00a0 UNION MARITAL DE HECHO-Contenido y alcance\/UNION MARITAL DE HECHO-Medios probatorios para demostrar su existencia \u00a0 \u00a0 \u00a0 SERVICIO MILITAR-Exenci\u00f3n a los casados que hagan vida conyugal y tambi\u00e9n a quienes convivan en uni\u00f3n permanente \u00a0 UNION MARITAL DE HECHO-Declaraci\u00f3n juramentada como ...<br \/><div class=\"pt-cv-rmwrap\"><a href=\"https:\/\/www.dmsjuridica.com\/buscador_20179478954\/corteconstitucionalcronologico202454587\/t-667-12\/\" class=\"_self pt-cv-readmore btn btn-success\" target=\"_self\">Ver Sentencia Completa...<\/a><\/div><\/div><\/div><\/div>\n<div class=\"col-md-12 col-sm-12 col-xs-12 pt-cv-content-item pt-cv-1-col\" ><div class='pt-cv-ifield'><a href=\"https:\/\/www.dmsjuridica.com\/buscador_20179478954\/corteconstitucionalcronologico202454587\/t-666-12\/\" class=\"_self pt-cv-href-thumbnail pt-cv-thumb-default\" target=\"_self\" ><\/a>\n<div class=\"pt-cv-taxoterm above_title\"><a href='https:\/\/www.dmsjuridica.com\/buscador_20179478954\/corteconstitucionalcronologico202454587\/category\/buscar-en-toda-la-corte\/2012\/tutelas-2012\/' title='Tutelas 2012' class='pt-cv-tax-tutelas-2012'>Tutelas 2012<\/a><\/div>\n<h4 class=\"pt-cv-title\"><a href=\"https:\/\/www.dmsjuridica.com\/buscador_20179478954\/corteconstitucionalcronologico202454587\/t-666-12\/\" class=\"_self\" target=\"_self\" >T-666-12<\/a><\/h4>\n<div class=\"pt-cv-content\">\u00a0 \u00a0 Sentencia T-666\/12 \u00a0 ACCION DE TUTELA CONTRA PROVIDENCIAS JUDICIALES-Reiteraci\u00f3n de jurisprudencia sobre requisitos generales y especiales de procedibilidad \u00a0 ACCION DE TUTELA-No es el mecanismo adecuado que ofrece el ordenamiento jur\u00eddico para denunciar faltas en la representaci\u00f3n judicial \u00a0 DEBERES Y RESPONSABILIDADES DE LAS PARTES Y APODERADOS EN PROCESO JUDICIAL-Contenido y alcance\/CARGAS Y DEBERES PROCESALES-Est\u00e1n tambi\u00e9n en cabeza de las partes y no s\u00f3lo de su apoderado \u00a0 Referencia: expediente T-3407742 \u00a0 Acci\u00f3n de tutela instaurada por Monsalud Ltda. y Cooperativa Sermecoop Ltda. contra el Juzgado 2\u00ba Civil del Circuito de V\u00e9lez, Santander. \u00a0 \u00a0 Magistrada Ponente (e): ...<br \/><div class=\"pt-cv-rmwrap\"><a href=\"https:\/\/www.dmsjuridica.com\/buscador_20179478954\/corteconstitucionalcronologico202454587\/t-666-12\/\" class=\"_self pt-cv-readmore btn btn-success\" target=\"_self\">Ver Sentencia Completa...<\/a><\/div><\/div><\/div><\/div>\n<div class=\"col-md-12 col-sm-12 col-xs-12 pt-cv-content-item pt-cv-1-col\" ><div class='pt-cv-ifield'><a href=\"https:\/\/www.dmsjuridica.com\/buscador_20179478954\/corteconstitucionalcronologico202454587\/t-665-12\/\" class=\"_self pt-cv-href-thumbnail pt-cv-thumb-default\" target=\"_self\" ><\/a>\n<div class=\"pt-cv-taxoterm above_title\"><a href='https:\/\/www.dmsjuridica.com\/buscador_20179478954\/corteconstitucionalcronologico202454587\/category\/buscar-en-toda-la-corte\/2012\/tutelas-2012\/' title='Tutelas 2012' class='pt-cv-tax-tutelas-2012'>Tutelas 2012<\/a><\/div>\n<h4 class=\"pt-cv-title\"><a href=\"https:\/\/www.dmsjuridica.com\/buscador_20179478954\/corteconstitucionalcronologico202454587\/t-665-12\/\" class=\"_self\" target=\"_self\" >T-665-12<\/a><\/h4>\n<div class=\"pt-cv-content\">\u00a0 \u00a0 Sentencia T-665\/12 \u00a0 PROCESOS QUE SE SURTEN ANTE LA JURISDICCION CONTENCIOSO ADMINISTRATIVA-Caracterizaci\u00f3n, funciones y valor probatorio de los documentos\u00a0 \u00a0 PRIMERA COPIA QUE PRESTA MERITO EJECUTIVO-Importancia\u00a0 \u00a0 DOCUMENTOS PUBLICOS Y PRIVADOS-Autenticidad \u00a0 DOCUMENTOS ORIGINALES Y COPIAS AUTENTICAS-Jurisprudencia constitucional\u00a0 \u00a0 COPIAS AUTENTICAS-Valor probatorio\u00a0 \u00a0 DOCUMENTOS ORIGINALES Y COPIAS AUTENTICAS-Importancia en los procesos jurisdiccionales, con la salvedad de los procesos en que el Legislador expresamente admite copias simples\u00a0 \u00a0 PRIMERA COPIA QUE PRESTA MERITO EJECUTIVO-Precedente jurisprudencial \u00a0 PRIMERA COPIA QUE PRESTA MERITO EJECUTIVO-Finalidad \u00a0 PRIMERA COPIA QUE PRESTA MERITO EJECUTIVO-Medios para su obtenci\u00f3n\u00a0 \u00a0 CREDITOS JUDICIALMENTE RECONOCIDOS EN CONTRA DEL ...<br \/><div class=\"pt-cv-rmwrap\"><a href=\"https:\/\/www.dmsjuridica.com\/buscador_20179478954\/corteconstitucionalcronologico202454587\/t-665-12\/\" class=\"_self pt-cv-readmore btn btn-success\" target=\"_self\">Ver Sentencia Completa...<\/a><\/div><\/div><\/div><\/div>\n<div class=\"col-md-12 col-sm-12 col-xs-12 pt-cv-content-item pt-cv-1-col\" ><div class='pt-cv-ifield'><a href=\"https:\/\/www.dmsjuridica.com\/buscador_20179478954\/corteconstitucionalcronologico202454587\/t-664-12\/\" class=\"_self pt-cv-href-thumbnail pt-cv-thumb-default\" target=\"_self\" ><\/a>\n<div class=\"pt-cv-taxoterm above_title\"><a href='https:\/\/www.dmsjuridica.com\/buscador_20179478954\/corteconstitucionalcronologico202454587\/category\/buscar-en-toda-la-corte\/2012\/tutelas-2012\/' title='Tutelas 2012' class='pt-cv-tax-tutelas-2012'>Tutelas 2012<\/a><\/div>\n<h4 class=\"pt-cv-title\"><a href=\"https:\/\/www.dmsjuridica.com\/buscador_20179478954\/corteconstitucionalcronologico202454587\/t-664-12\/\" class=\"_self\" target=\"_self\" >T-664-12<\/a><\/h4>\n<div class=\"pt-cv-content\">\u00a0 \u00a0 Sentencia T-664\/12\u00a0 \u00a0 ACCION DE TUTELA-Subsidiariedad \u00a0 ACCION DE TUTELA-Car\u00e1cter subsidiario y residual por existencia de otro medio de defensa judicial \u00a0 PROCEDENCIA DE LA ACCION DE TUTELA ANTE LA EXISTENCIA DE OTRO MEDIO DE DEFENSA JUDICIAL-Situaciones excepcionales\/PRINCIPIO DE SUBSIDIARIEDAD DE LA ACCION DE TUTELA-Juez debe verificar si ante la existencia de otro medio de defensa judicial, \u00e9ste es eficaz e id\u00f3neo \u00a0 La existencia de un recurso o mecanismo de defensa judicial no hace per se improcedente la acci\u00f3n de tutela, pues es necesario que el juez constitucional valore en primer lugar, (i) si est\u00e1 demostrada la ...<br \/><div class=\"pt-cv-rmwrap\"><a href=\"https:\/\/www.dmsjuridica.com\/buscador_20179478954\/corteconstitucionalcronologico202454587\/t-664-12\/\" class=\"_self pt-cv-readmore btn btn-success\" target=\"_self\">Ver Sentencia Completa...<\/a><\/div><\/div><\/div><\/div>\n<div class=\"col-md-12 col-sm-12 col-xs-12 pt-cv-content-item pt-cv-1-col\" ><div class='pt-cv-ifield'><a href=\"https:\/\/www.dmsjuridica.com\/buscador_20179478954\/corteconstitucionalcronologico202454587\/t-663-12\/\" class=\"_self pt-cv-href-thumbnail pt-cv-thumb-default\" target=\"_self\" ><\/a>\n<div class=\"pt-cv-taxoterm above_title\"><a href='https:\/\/www.dmsjuridica.com\/buscador_20179478954\/corteconstitucionalcronologico202454587\/category\/buscar-en-toda-la-corte\/2012\/tutelas-2012\/' title='Tutelas 2012' class='pt-cv-tax-tutelas-2012'>Tutelas 2012<\/a><\/div>\n<h4 class=\"pt-cv-title\"><a href=\"https:\/\/www.dmsjuridica.com\/buscador_20179478954\/corteconstitucionalcronologico202454587\/t-663-12\/\" class=\"_self\" target=\"_self\" >T-663-12<\/a><\/h4>\n<div class=\"pt-cv-content\">\u00a0 \u00a0 Sentencia T-663\/12 \u00a0 ACCION DE TUTELA-Inmediatez como requisito de procedibilidad \u00a0 ACCION DE TUTELA Y PRINCIPIO DE INMEDIATEZ-Excepciones para aceptar que se presente en un extenso espacio de tiempo entre vulneraci\u00f3n y presentaci\u00f3n \u00a0 Para esta Corte la procedibilidad de la acci\u00f3n de tutela, depende, por regla general, de su interposici\u00f3n oportuna. Sin embargo, esta Corporaci\u00f3n ha reconocido excepciones a la inmediatez, cuando se demuestre que la vulneraci\u00f3n es permanente en el tiempo y que, aunque el hecho que dio lugar a la misma es muy antiguo respecto de la presentaci\u00f3n de la tutela, la situaci\u00f3n desfavorable del ...<br \/><div class=\"pt-cv-rmwrap\"><a href=\"https:\/\/www.dmsjuridica.com\/buscador_20179478954\/corteconstitucionalcronologico202454587\/t-663-12\/\" class=\"_self pt-cv-readmore btn btn-success\" target=\"_self\">Ver Sentencia Completa...<\/a><\/div><\/div><\/div><\/div>\n<div class=\"col-md-12 col-sm-12 col-xs-12 pt-cv-content-item pt-cv-1-col\" ><div class='pt-cv-ifield'><a href=\"https:\/\/www.dmsjuridica.com\/buscador_20179478954\/corteconstitucionalcronologico202454587\/t-662-12\/\" class=\"_self pt-cv-href-thumbnail pt-cv-thumb-default\" target=\"_self\" ><\/a>\n<div class=\"pt-cv-taxoterm above_title\"><a href='https:\/\/www.dmsjuridica.com\/buscador_20179478954\/corteconstitucionalcronologico202454587\/category\/buscar-en-toda-la-corte\/2012\/tutelas-2012\/' title='Tutelas 2012' class='pt-cv-tax-tutelas-2012'>Tutelas 2012<\/a><\/div>\n<h4 class=\"pt-cv-title\"><a href=\"https:\/\/www.dmsjuridica.com\/buscador_20179478954\/corteconstitucionalcronologico202454587\/t-662-12\/\" class=\"_self\" target=\"_self\" >T-662-12<\/a><\/h4>\n<div class=\"pt-cv-content\">\u00a0 \u00a0 Sentencia T-662\/12 \u00a0 DERECHO A LA ESTABILIDAD LABORAL REFORZADA DE MUJER EMBARAZADA-Reiteraci\u00f3n de jurisprudencia \u00a0 DERECHO A LA ESTABILIDAD LABORAL REFORZADA DE MUJER EMBARAZADA-Protecci\u00f3n constitucional especial \u00a0 TRANSACCION LABORAL-No puede recaer sobre derechos ciertos e indiscutibles \u00a0 ACCION DE TUTELA CONTRA EMPRESA TEMPORAL EN MATERIA DE ESTABILIDAD LABORAL REFORZADA DE MUJER EMBARAZADA-Orden de reintegrar, pagar salarios dejados de percibir, vincular al sistema de seguridad social y reconocer prestaciones sociales a que tiene derecho la accionante \u00a0 Referencia: expediente T-3.447.341 \u00a0 Acci\u00f3n de tutela instaurada por Naira Fernanda Mac\u00edas Realpe contra la Empresa Temporal Visi\u00f3n y Marketing S.A.S., \u00a0y ...<br \/><div class=\"pt-cv-rmwrap\"><a href=\"https:\/\/www.dmsjuridica.com\/buscador_20179478954\/corteconstitucionalcronologico202454587\/t-662-12\/\" class=\"_self pt-cv-readmore btn btn-success\" target=\"_self\">Ver Sentencia Completa...<\/a><\/div><\/div><\/div><\/div>\n<div class=\"col-md-12 col-sm-12 col-xs-12 pt-cv-content-item pt-cv-1-col\" ><div class='pt-cv-ifield'><a href=\"https:\/\/www.dmsjuridica.com\/buscador_20179478954\/corteconstitucionalcronologico202454587\/t-661-12\/\" class=\"_self pt-cv-href-thumbnail pt-cv-thumb-default\" target=\"_self\" ><\/a>\n<div class=\"pt-cv-taxoterm above_title\"><a href='https:\/\/www.dmsjuridica.com\/buscador_20179478954\/corteconstitucionalcronologico202454587\/category\/buscar-en-toda-la-corte\/2012\/tutelas-2012\/' title='Tutelas 2012' class='pt-cv-tax-tutelas-2012'>Tutelas 2012<\/a><\/div>\n<h4 class=\"pt-cv-title\"><a href=\"https:\/\/www.dmsjuridica.com\/buscador_20179478954\/corteconstitucionalcronologico202454587\/t-661-12\/\" class=\"_self\" target=\"_self\" >T-661-12<\/a><\/h4>\n<div class=\"pt-cv-content\">\u00a0 \u00a0 Sentencia T-661\/12 \u00a0 ACCION DE TUTELA-Criterios para determinar su procedencia cuando se afectan derechos colectivos \u00a0 ACCION DE TUTELA Y ACCION POPULAR-Procedencia cuando se afectan derechos fundamentales directamente relacionados con la vulneraci\u00f3n de derechos colectivos \u00a0 La acci\u00f3n de tutela, en virtud de su car\u00e1cter subjetivo y en raz\u00f3n de que su objeto de protecci\u00f3n son los derechos fundamentales, es un mecanismo adecuado y eficaz para proteger este tipo de derechos cuando su amenaza o afectaci\u00f3n tiene una relaci\u00f3n estrecha con derechos o intereses de tipo colectivo como lo puede ser, en principio, el derecho al ambiente sano ...<br \/><div class=\"pt-cv-rmwrap\"><a href=\"https:\/\/www.dmsjuridica.com\/buscador_20179478954\/corteconstitucionalcronologico202454587\/t-661-12\/\" class=\"_self pt-cv-readmore btn btn-success\" target=\"_self\">Ver Sentencia Completa...<\/a><\/div><\/div><\/div><\/div>\n<div class=\"col-md-12 col-sm-12 col-xs-12 pt-cv-content-item pt-cv-1-col\" ><div class='pt-cv-ifield'><a href=\"https:\/\/www.dmsjuridica.com\/buscador_20179478954\/corteconstitucionalcronologico202454587\/t-660-12\/\" class=\"_self pt-cv-href-thumbnail pt-cv-thumb-default\" target=\"_self\" ><\/a>\n<div class=\"pt-cv-taxoterm above_title\"><a href='https:\/\/www.dmsjuridica.com\/buscador_20179478954\/corteconstitucionalcronologico202454587\/category\/buscar-en-toda-la-corte\/2012\/tutelas-2012\/' title='Tutelas 2012' class='pt-cv-tax-tutelas-2012'>Tutelas 2012<\/a><\/div>\n<h4 class=\"pt-cv-title\"><a href=\"https:\/\/www.dmsjuridica.com\/buscador_20179478954\/corteconstitucionalcronologico202454587\/t-660-12\/\" class=\"_self\" target=\"_self\" >T-660-12<\/a><\/h4>\n<div class=\"pt-cv-content\">\u00a0 \u00a0 Sentencia T-660\/12 \u00a0 ACCION DE TUTELA CONTRA PROVIDENCIAS JUDICIALES-Reiteraci\u00f3n de jurisprudencia \u00a0 ACCION DE TUTELA CONTRA PROVIDENCIAS JUDICIALES-Reiteraci\u00f3n de jurisprudencia sobre requisitos generales y especiales de procedibilidad \u00a0 CARACTERIZACION DEL DEFECTO FACTICO COMO CAUSAL ESPECIFICA DE PROCEDIBILIDAD DE LA ACCION DE TUTELA CONTRA PROVIDENCIAS JUDICIALES \u00a0 DEFECTO FACTICO-Configuraci\u00f3n \u00a0 DEFECTO FACTICO-Configuraci\u00f3n por fallar de manera contraevidente a la realidad procesal \u00a0 Referencia: expedientes T-3.418.301\u00a0 \u00a0 \u00a0 \u00a0 \u00a0 \u00a0 \u00a0 Magistrado Ponente:\u00a0 \u00a0 HUMBERTO ANTONIO SIERRA PORTO \u00a0 Bogot\u00e1, D.C., veintitr\u00e9s (23) de agosto de dos mil doce (2012) \u00a0 La Sala Octava de Revisi\u00f3n de la Corte ...<br \/><div class=\"pt-cv-rmwrap\"><a href=\"https:\/\/www.dmsjuridica.com\/buscador_20179478954\/corteconstitucionalcronologico202454587\/t-660-12\/\" class=\"_self pt-cv-readmore btn btn-success\" target=\"_self\">Ver Sentencia Completa...<\/a><\/div><\/div><\/div><\/div>\n<div class=\"col-md-12 col-sm-12 col-xs-12 pt-cv-content-item pt-cv-1-col\" ><div class='pt-cv-ifield'><a href=\"https:\/\/www.dmsjuridica.com\/buscador_20179478954\/corteconstitucionalcronologico202454587\/t-659-12\/\" class=\"_self pt-cv-href-thumbnail pt-cv-thumb-default\" target=\"_self\" ><\/a>\n<div class=\"pt-cv-taxoterm above_title\"><a href='https:\/\/www.dmsjuridica.com\/buscador_20179478954\/corteconstitucionalcronologico202454587\/category\/buscar-en-toda-la-corte\/2012\/tutelas-2012\/' title='Tutelas 2012' class='pt-cv-tax-tutelas-2012'>Tutelas 2012<\/a><\/div>\n<h4 class=\"pt-cv-title\"><a href=\"https:\/\/www.dmsjuridica.com\/buscador_20179478954\/corteconstitucionalcronologico202454587\/t-659-12\/\" class=\"_self\" target=\"_self\" >T-659-12<\/a><\/h4>\n<div class=\"pt-cv-content\">\u00a0 \u00a0 Sentencia T-659\/12 \u00a0 DERECHO A LA EDUCACION-Prohibici\u00f3n retenci\u00f3n de notas o certificados por no pago de pensi\u00f3n \u00a0 DERECHO A LA EDUCACION-Procedencia de la acci\u00f3n de tutela para su protecci\u00f3n \u00a0 DERECHO A LA EDUCACION-Prevalencia sobre derecho de la instituci\u00f3n educativa a obtener el pago por sus servicios \u00a0 Ha sostenido la Corte que la protecci\u00f3n de los intereses econ\u00f3micos de las instituciones educativas no puede quebrantar los derechos fundamentales del educando. En reiteradas ocasiones, esta Corporaci\u00f3n ha mencionado que los planteles educativos no est\u00e1n habilitados para retener los documentos requeridos por los estudiantes. As\u00ed pues, lo que ...<br \/><div class=\"pt-cv-rmwrap\"><a href=\"https:\/\/www.dmsjuridica.com\/buscador_20179478954\/corteconstitucionalcronologico202454587\/t-659-12\/\" class=\"_self pt-cv-readmore btn btn-success\" target=\"_self\">Ver Sentencia Completa...<\/a><\/div><\/div><\/div><\/div>\n<div class=\"col-md-12 col-sm-12 col-xs-12 pt-cv-content-item pt-cv-1-col\" ><div class='pt-cv-ifield'><a href=\"https:\/\/www.dmsjuridica.com\/buscador_20179478954\/corteconstitucionalcronologico202454587\/t-658-12\/\" class=\"_self pt-cv-href-thumbnail pt-cv-thumb-default\" target=\"_self\" ><\/a>\n<div class=\"pt-cv-taxoterm above_title\"><a href='https:\/\/www.dmsjuridica.com\/buscador_20179478954\/corteconstitucionalcronologico202454587\/category\/buscar-en-toda-la-corte\/2012\/tutelas-2012\/' title='Tutelas 2012' class='pt-cv-tax-tutelas-2012'>Tutelas 2012<\/a><\/div>\n<h4 class=\"pt-cv-title\"><a href=\"https:\/\/www.dmsjuridica.com\/buscador_20179478954\/corteconstitucionalcronologico202454587\/t-658-12\/\" class=\"_self\" target=\"_self\" >T-658-12<\/a><\/h4>\n<div class=\"pt-cv-content\">\u00a0 \u00a0 Sentencia T-658\/12 \u00a0 DERECHO FUNDAMENTAL A LA SEGURIDAD SOCIAL Y PROTECCION POR MEDIO DE ACCION DE TUTELA-Reiteraci\u00f3n de jurisprudencia \u00a0 DERECHO A LA SEGURIDAD SOCIAL-Instrumentos internacionales que reconocen su importancia \u00a0 DERECHO A LA SEGURIDAD SOCIAL-Alcance y contenido \u00a0 DERECHO A LA PENSION DE VEJEZ EN REGIMEN DE PRIMA MEDIA CON PRESTACION DEFINIDA-Requisitos \u00a0 PENSION DE VEJEZ Y REGIMEN DE TRANSICION PREVISTO EN LA LEY 100\/93-Reiteraci\u00f3n de jurisprudencia \u00a0 DERECHO AL REGIMEN DE TRANSICION EN MATERIA PENSIONAL-Desarrollo legal, art\u00edculo 36 de la Ley 100 de 1993 \u00a0 PENSION DE VEJEZ-Otorgamiento en r\u00e9gimen de ahorro individual \u00a0 DERECHO A ...<br \/><div class=\"pt-cv-rmwrap\"><a href=\"https:\/\/www.dmsjuridica.com\/buscador_20179478954\/corteconstitucionalcronologico202454587\/t-658-12\/\" class=\"_self pt-cv-readmore btn btn-success\" target=\"_self\">Ver Sentencia Completa...<\/a><\/div><\/div><\/div><\/div>\n<div class=\"col-md-12 col-sm-12 col-xs-12 pt-cv-content-item pt-cv-1-col\" ><div class='pt-cv-ifield'><a href=\"https:\/\/www.dmsjuridica.com\/buscador_20179478954\/corteconstitucionalcronologico202454587\/t-657-12\/\" class=\"_self pt-cv-href-thumbnail pt-cv-thumb-default\" target=\"_self\" ><\/a>\n<div class=\"pt-cv-taxoterm above_title\"><a href='https:\/\/www.dmsjuridica.com\/buscador_20179478954\/corteconstitucionalcronologico202454587\/category\/buscar-en-toda-la-corte\/2012\/tutelas-2012\/' title='Tutelas 2012' class='pt-cv-tax-tutelas-2012'>Tutelas 2012<\/a><\/div>\n<h4 class=\"pt-cv-title\"><a href=\"https:\/\/www.dmsjuridica.com\/buscador_20179478954\/corteconstitucionalcronologico202454587\/t-657-12\/\" class=\"_self\" target=\"_self\" >T-657-12<\/a><\/h4>\n<div class=\"pt-cv-content\">\u00a0 \u00a0 Sentencia T-657\/12 \u00a0 ACCION DE TUTELA CONTRA PARTICULARES CUANDO EL AFECTADO SE ENCUENTRA EN ESTADO DE INDEFENSION-Factores que integran situaciones de indefensi\u00f3n y subordinaci\u00f3n \u00a0 PRINCIPIO DE SUBSIDIARIEDAD COMO REQUISITO DE PROCEDIBILIDAD DE LA ACCION DE TUTELA-Reiteraci\u00f3n de jurisprudencia \u00a0 PRINCIPIO DE SUBSIDIARIEDAD DE LA ACCION DE TUTELA-Juez debe verificar si ante la existencia de otro medio de defensa judicial, \u00e9ste es eficaz e id\u00f3neo \u00a0 Se puede indicar que de acuerdo con el principio de subsidiariedad de la acci\u00f3n de tutela, \u00e9sta resulta improcedente cuando es utilizada como mecanismo supletorio o alternativo de los medios judiciales ordinarios ...<br \/><div class=\"pt-cv-rmwrap\"><a href=\"https:\/\/www.dmsjuridica.com\/buscador_20179478954\/corteconstitucionalcronologico202454587\/t-657-12\/\" class=\"_self pt-cv-readmore btn btn-success\" target=\"_self\">Ver Sentencia Completa...<\/a><\/div><\/div><\/div><\/div>\n<div class=\"col-md-12 col-sm-12 col-xs-12 pt-cv-content-item pt-cv-1-col\" ><div class='pt-cv-ifield'><a href=\"https:\/\/www.dmsjuridica.com\/buscador_20179478954\/corteconstitucionalcronologico202454587\/t-656-12\/\" class=\"_self pt-cv-href-thumbnail pt-cv-thumb-default\" target=\"_self\" ><\/a>\n<div class=\"pt-cv-taxoterm above_title\"><a href='https:\/\/www.dmsjuridica.com\/buscador_20179478954\/corteconstitucionalcronologico202454587\/category\/buscar-en-toda-la-corte\/2012\/tutelas-2012\/' title='Tutelas 2012' class='pt-cv-tax-tutelas-2012'>Tutelas 2012<\/a><\/div>\n<h4 class=\"pt-cv-title\"><a href=\"https:\/\/www.dmsjuridica.com\/buscador_20179478954\/corteconstitucionalcronologico202454587\/t-656-12\/\" class=\"_self\" target=\"_self\" >T-656-12<\/a><\/h4>\n<div class=\"pt-cv-content\">\u00a0 \u00a0 Sentencia T-656\/12 \u00a0 ACCION DE TUTELA CONTRA PROVIDENCIAS JUDICIALES-Requisitos generales y especiales de procedibilidad \u00a0 EXCEPCIONES PREVIAS Y EXCEPCIONES DE MERITO EN PROCESO EJECUTIVO-Tr\u00e1mite y t\u00e9rmino para interponerlas \u00a0 EXCEPCIONES PREVIAS EN PROCESO EJECUTIVO-Como garant\u00eda del derecho de defensa y de contradicci\u00f3n de la parte pasiva dentro del proceso \u00a0 La importancia que tiene para la parte pasiva, dentro de un proceso ejecutivo, la posibilidad de proponer excepciones, pues es mediante \u00e9stas que logra controvertir las obligaciones que emanan del t\u00edtulo ejecutivo aportado por el ejecutante y de este modo ejercer su derecho de defensa y contracci\u00f3n. A ...<br \/><div class=\"pt-cv-rmwrap\"><a href=\"https:\/\/www.dmsjuridica.com\/buscador_20179478954\/corteconstitucionalcronologico202454587\/t-656-12\/\" class=\"_self pt-cv-readmore btn btn-success\" target=\"_self\">Ver Sentencia Completa...<\/a><\/div><\/div><\/div><\/div>\n<div class=\"col-md-12 col-sm-12 col-xs-12 pt-cv-content-item pt-cv-1-col\" ><div class='pt-cv-ifield'><a href=\"https:\/\/www.dmsjuridica.com\/buscador_20179478954\/corteconstitucionalcronologico202454587\/t-655-12\/\" class=\"_self pt-cv-href-thumbnail pt-cv-thumb-default\" target=\"_self\" ><\/a>\n<div class=\"pt-cv-taxoterm above_title\"><a href='https:\/\/www.dmsjuridica.com\/buscador_20179478954\/corteconstitucionalcronologico202454587\/category\/buscar-en-toda-la-corte\/2012\/tutelas-2012\/' title='Tutelas 2012' class='pt-cv-tax-tutelas-2012'>Tutelas 2012<\/a><\/div>\n<h4 class=\"pt-cv-title\"><a href=\"https:\/\/www.dmsjuridica.com\/buscador_20179478954\/corteconstitucionalcronologico202454587\/t-655-12\/\" class=\"_self\" target=\"_self\" >T-655-12<\/a><\/h4>\n<div class=\"pt-cv-content\">\u00a0 \u00a0 Sentencia T-655\/12 \u00a0 DERECHOS FUNDAMENTALES DEL NI\u00d1O-Protecci\u00f3n constitucional \u00a0 DERECHO A LA SALUD Y SEGURIDAD SOCIAL DEL NI\u00d1O-Fundamental prevalente\/DERECHO A LA SALUD DE NI\u00d1OS, NI\u00d1AS Y ADOLESCENTES-Integralidad en la prestaci\u00f3n del servicio de salud \u00a0 El derecho a la salud de los ni\u00f1os comprende tanto los servicios m\u00e9dicos incluidos en planes obligatorios de salud del r\u00e9gimen contributivo y del r\u00e9gimen subsidiado, como planes adicionales de aqu\u00e9llas prestaciones contempladas en diferentes instrumentos internacionales de protecci\u00f3n de los derechos humanos. En virtud del principio de integralidad en salud no es posible limitar la atenci\u00f3n de ni\u00f1as y ni\u00f1os a ciertos ...<br \/><div class=\"pt-cv-rmwrap\"><a href=\"https:\/\/www.dmsjuridica.com\/buscador_20179478954\/corteconstitucionalcronologico202454587\/t-655-12\/\" class=\"_self pt-cv-readmore btn btn-success\" target=\"_self\">Ver Sentencia Completa...<\/a><\/div><\/div><\/div><\/div>\n<div class=\"col-md-12 col-sm-12 col-xs-12 pt-cv-content-item pt-cv-1-col\" ><div class='pt-cv-ifield'><a href=\"https:\/\/www.dmsjuridica.com\/buscador_20179478954\/corteconstitucionalcronologico202454587\/t-654-12\/\" class=\"_self pt-cv-href-thumbnail pt-cv-thumb-default\" target=\"_self\" ><\/a>\n<div class=\"pt-cv-taxoterm above_title\"><a href='https:\/\/www.dmsjuridica.com\/buscador_20179478954\/corteconstitucionalcronologico202454587\/category\/buscar-en-toda-la-corte\/2012\/tutelas-2012\/' title='Tutelas 2012' class='pt-cv-tax-tutelas-2012'>Tutelas 2012<\/a><\/div>\n<h4 class=\"pt-cv-title\"><a href=\"https:\/\/www.dmsjuridica.com\/buscador_20179478954\/corteconstitucionalcronologico202454587\/t-654-12\/\" class=\"_self\" target=\"_self\" >T-654-12<\/a><\/h4>\n<div class=\"pt-cv-content\">\u00a0 \u00a0 Sentencia T-654\/12 \u00a0 ACCION DE TUTELA CONTRA EL FONDO NACIONAL DEL AHORRO-Procedencia por violaci\u00f3n al debido proceso y los principios de buena fe y respeto por el acto propio al variar unilateralmente las condiciones del contrato de mutuo para la adquisici\u00f3n de vivienda \u00a0 FONDO NACIONAL DEL AHORRO-Deber de informar a usuarios la redenominaci\u00f3n de cr\u00e9ditos hipotecarios \u00a0 FONDO NACIONAL DEL AHORRO-Reglas que se deben tener en cuenta en casos en que altere lo previamente establecido en los mutuos hipotecarios con los deudores \u00a0 Seg\u00fan la jurisprudencia constitucional: (i) no es suficiente con la notificaci\u00f3n que hace la ...<br \/><div class=\"pt-cv-rmwrap\"><a href=\"https:\/\/www.dmsjuridica.com\/buscador_20179478954\/corteconstitucionalcronologico202454587\/t-654-12\/\" class=\"_self pt-cv-readmore btn btn-success\" target=\"_self\">Ver Sentencia Completa...<\/a><\/div><\/div><\/div><\/div>\n<div class=\"col-md-12 col-sm-12 col-xs-12 pt-cv-content-item pt-cv-1-col\" ><div class='pt-cv-ifield'><a href=\"https:\/\/www.dmsjuridica.com\/buscador_20179478954\/corteconstitucionalcronologico202454587\/t-653-12\/\" class=\"_self pt-cv-href-thumbnail pt-cv-thumb-default\" target=\"_self\" ><\/a>\n<div class=\"pt-cv-taxoterm above_title\"><a href='https:\/\/www.dmsjuridica.com\/buscador_20179478954\/corteconstitucionalcronologico202454587\/category\/buscar-en-toda-la-corte\/2012\/tutelas-2012\/' title='Tutelas 2012' class='pt-cv-tax-tutelas-2012'>Tutelas 2012<\/a><\/div>\n<h4 class=\"pt-cv-title\"><a href=\"https:\/\/www.dmsjuridica.com\/buscador_20179478954\/corteconstitucionalcronologico202454587\/t-653-12\/\" class=\"_self\" target=\"_self\" >T-653-12<\/a><\/h4>\n<div class=\"pt-cv-content\">\u00a0 \u00a0 \u00a0\u00a0 Sentencia T-653\/12 \u00a0 CORTE INTERAMERICANA DE DERECHOS HUMANOS-Alcance de sus decisiones \u00a0 Los fallos proferidos por los tribunales internacionales de derechos humanos, en ejercicio de la funci\u00f3n jurisdiccional que le reconocen los estados, no deben encontrar obst\u00e1culos en su cumplimiento y no deben tener oposici\u00f3n por parte de las autoridades encargadas de cumplirlos. Los argumentos de derecho interno \u2013sean estos de la \u00edndole que sean- no deben servir de pretexto para la mora en su acatamiento; el genio local no puede fungir como un falso esp\u00edritu protector para el Estado condenado internacionalmente, detr\u00e1s del cual este pueda ...<br \/><div class=\"pt-cv-rmwrap\"><a href=\"https:\/\/www.dmsjuridica.com\/buscador_20179478954\/corteconstitucionalcronologico202454587\/t-653-12\/\" class=\"_self pt-cv-readmore btn btn-success\" target=\"_self\">Ver Sentencia Completa...<\/a><\/div><\/div><\/div><\/div>\n<div class=\"col-md-12 col-sm-12 col-xs-12 pt-cv-content-item pt-cv-1-col\" ><div class='pt-cv-ifield'><a href=\"https:\/\/www.dmsjuridica.com\/buscador_20179478954\/corteconstitucionalcronologico202454587\/t-652-12\/\" class=\"_self pt-cv-href-thumbnail pt-cv-thumb-default\" target=\"_self\" ><\/a>\n<div class=\"pt-cv-taxoterm above_title\"><a href='https:\/\/www.dmsjuridica.com\/buscador_20179478954\/corteconstitucionalcronologico202454587\/category\/buscar-en-toda-la-corte\/2012\/tutelas-2012\/' title='Tutelas 2012' class='pt-cv-tax-tutelas-2012'>Tutelas 2012<\/a><\/div>\n<h4 class=\"pt-cv-title\"><a href=\"https:\/\/www.dmsjuridica.com\/buscador_20179478954\/corteconstitucionalcronologico202454587\/t-652-12\/\" class=\"_self\" target=\"_self\" >T-652-12<\/a><\/h4>\n<div class=\"pt-cv-content\">\u00a0 \u00a0 Sentencia T-652\/12 \u00a0 DERECHO FUNDAMENTAL A LA SALUD DE NI\u00d1OS Y NI\u00d1AS-Reiteraci\u00f3n de jurisprudencia \u00a0 Esta Corporaci\u00f3n ha reiterado en m\u00faltiples pronunciamientos, que los derechos de los ni\u00f1os, por mandato expreso de la Constituci\u00f3n Pol\u00edtica (art. 44), prevalecen sobre los de los dem\u00e1s, por lo cual la familia, la sociedad y el Estado tienen la obligaci\u00f3n de asistirlos y protegerlos, para garantizar su desarrollo arm\u00f3nico e integral. Tambi\u00e9n ha expresado que el mantenimiento de la buena salud, particularmente cuando se trata de menores de edad, \u201ces en s\u00ed mismo un derecho fundamental\u201d. \u00a0 TRANSPORTE Y ALOJAMIENTO EN EL ...<br \/><div class=\"pt-cv-rmwrap\"><a href=\"https:\/\/www.dmsjuridica.com\/buscador_20179478954\/corteconstitucionalcronologico202454587\/t-652-12\/\" class=\"_self pt-cv-readmore btn btn-success\" target=\"_self\">Ver Sentencia Completa...<\/a><\/div><\/div><\/div><\/div>\n<div class=\"col-md-12 col-sm-12 col-xs-12 pt-cv-content-item pt-cv-1-col\" ><div class='pt-cv-ifield'><a href=\"https:\/\/www.dmsjuridica.com\/buscador_20179478954\/corteconstitucionalcronologico202454587\/t-651-12\/\" class=\"_self pt-cv-href-thumbnail pt-cv-thumb-default\" target=\"_self\" ><\/a>\n<div class=\"pt-cv-taxoterm above_title\"><a href='https:\/\/www.dmsjuridica.com\/buscador_20179478954\/corteconstitucionalcronologico202454587\/category\/buscar-en-toda-la-corte\/2012\/tutelas-2012\/' title='Tutelas 2012' class='pt-cv-tax-tutelas-2012'>Tutelas 2012<\/a><\/div>\n<h4 class=\"pt-cv-title\"><a href=\"https:\/\/www.dmsjuridica.com\/buscador_20179478954\/corteconstitucionalcronologico202454587\/t-651-12\/\" class=\"_self\" target=\"_self\" >T-651-12<\/a><\/h4>\n<div class=\"pt-cv-content\">\u00a0 \u00a0 NOTA DE RELATORIA. \u00a0Mediante auto 251 de fecha 13 de agosto de 2014, el cual se anexa en la parte final de esta providencia, se declara la nulidad del numeral noveno de la parte resolutiva, en relaci\u00f3n con el expediente T-3439409.\u00a0 \u00a0 Sentencia T-651\/12\u00a0 \u00a0 ACCION DE TUTELA PARA OBTENER REINTEGRO LABORAL DE TRABAJADOR QUE GOCE DE ESTABILIDAD LABORAL REFORZADA-Procedencia excepcional \u00a0 Aunque la acci\u00f3n de tutela no ha sido reconocida como el mecanismo habitual para lograr el reintegro laboral, esta Corporaci\u00f3n ha se\u00f1alado que al estudiar su procedibilidad en \u00e1mbitos en los cuales est\u00e9 de por medio ...<br \/><div class=\"pt-cv-rmwrap\"><a href=\"https:\/\/www.dmsjuridica.com\/buscador_20179478954\/corteconstitucionalcronologico202454587\/t-651-12\/\" class=\"_self pt-cv-readmore btn btn-success\" target=\"_self\">Ver Sentencia Completa...<\/a><\/div><\/div><\/div><\/div>\n<div class=\"col-md-12 col-sm-12 col-xs-12 pt-cv-content-item pt-cv-1-col\" ><div class='pt-cv-ifield'><a href=\"https:\/\/www.dmsjuridica.com\/buscador_20179478954\/corteconstitucionalcronologico202454587\/t-650-12\/\" class=\"_self pt-cv-href-thumbnail pt-cv-thumb-default\" target=\"_self\" ><\/a>\n<div class=\"pt-cv-taxoterm above_title\"><a href='https:\/\/www.dmsjuridica.com\/buscador_20179478954\/corteconstitucionalcronologico202454587\/category\/buscar-en-toda-la-corte\/2012\/tutelas-2012\/' title='Tutelas 2012' class='pt-cv-tax-tutelas-2012'>Tutelas 2012<\/a><\/div>\n<h4 class=\"pt-cv-title\"><a href=\"https:\/\/www.dmsjuridica.com\/buscador_20179478954\/corteconstitucionalcronologico202454587\/t-650-12\/\" class=\"_self\" target=\"_self\" >T-650-12<\/a><\/h4>\n<div class=\"pt-cv-content\">\u00a0 \u00a0 Sentencia T-650\/12 \u00a0 ACCION DE TUTELA PARA LA PROTECCION DE LOS DERECHOS FUNDAMENTALES DE LA POBLACION DESPLAZADA-Procedencia\u00a0 \u00a0 Dada la situaci\u00f3n de acentuada exclusi\u00f3n y vulnerabilidad de las personas que han sido v\u00edctimas del fen\u00f3meno del desplazamiento forzado interno, es preciso concluir que el mecanismo judicial eficaz para efectos de proteger sus derechos fundamentales, ante una eventual vulneraci\u00f3n o amenaza, por regla general ser\u00e1 la acci\u00f3n de tutela. \u00a0 ESTADO DE COSAS INCONSTITUCIONAL EN POBLACION DESPLAZADA-Declaraci\u00f3n en sentencia T-025\/04 \u00a0 Ante la complejidad y empeoramiento de la situaci\u00f3n de poblaci\u00f3n desplazada, esta Corporaci\u00f3n, profiere la Sentencia T-025 de ...<br \/><div class=\"pt-cv-rmwrap\"><a href=\"https:\/\/www.dmsjuridica.com\/buscador_20179478954\/corteconstitucionalcronologico202454587\/t-650-12\/\" class=\"_self pt-cv-readmore btn btn-success\" target=\"_self\">Ver Sentencia Completa...<\/a><\/div><\/div><\/div><\/div>\n<div class=\"col-md-12 col-sm-12 col-xs-12 pt-cv-content-item pt-cv-1-col\" ><div class='pt-cv-ifield'><a href=\"https:\/\/www.dmsjuridica.com\/buscador_20179478954\/corteconstitucionalcronologico202454587\/t-649-12\/\" class=\"_self pt-cv-href-thumbnail pt-cv-thumb-default\" target=\"_self\" ><\/a>\n<div class=\"pt-cv-taxoterm above_title\"><a href='https:\/\/www.dmsjuridica.com\/buscador_20179478954\/corteconstitucionalcronologico202454587\/category\/buscar-en-toda-la-corte\/2012\/tutelas-2012\/' title='Tutelas 2012' class='pt-cv-tax-tutelas-2012'>Tutelas 2012<\/a><\/div>\n<h4 class=\"pt-cv-title\"><a href=\"https:\/\/www.dmsjuridica.com\/buscador_20179478954\/corteconstitucionalcronologico202454587\/t-649-12\/\" class=\"_self\" target=\"_self\" >T-649-12<\/a><\/h4>\n<div class=\"pt-cv-content\">\u00a0 \u00a0 Sentencia T-649\/12 \u00a0 ACCION DE TUTELA CONTRA PROVIDENCIAS JUDICIALES-Requisitos generales y especiales de procedibilidad \u00a0 DEFECTO FACTICO-Configuraci\u00f3n \u00a0 El defecto f\u00e1ctico se presenta cuando la autoridad judicial adopta una decisi\u00f3n con absoluto desconocimiento del material probatorio que obra en el proceso, de tal forma que el derecho sustancial se ve afectado por la toma de una decisi\u00f3n que va abiertamente en contrav\u00eda de lo que indica la evidencia. \u201cEn consecuencia, la labor del juez de tutela en relaci\u00f3n con el defecto f\u00e1ctico est\u00e1 estrictamente limitada a aquellos eventos en que la actividad probatoria realizada por el funcionario judicial, ...<br \/><div class=\"pt-cv-rmwrap\"><a href=\"https:\/\/www.dmsjuridica.com\/buscador_20179478954\/corteconstitucionalcronologico202454587\/t-649-12\/\" class=\"_self pt-cv-readmore btn btn-success\" target=\"_self\">Ver Sentencia Completa...<\/a><\/div><\/div><\/div><\/div>\n<div class=\"col-md-12 col-sm-12 col-xs-12 pt-cv-content-item pt-cv-1-col\" ><div class='pt-cv-ifield'><a href=\"https:\/\/www.dmsjuridica.com\/buscador_20179478954\/corteconstitucionalcronologico202454587\/t-648-12\/\" class=\"_self pt-cv-href-thumbnail pt-cv-thumb-default\" target=\"_self\" ><\/a>\n<div class=\"pt-cv-taxoterm above_title\"><a href='https:\/\/www.dmsjuridica.com\/buscador_20179478954\/corteconstitucionalcronologico202454587\/category\/buscar-en-toda-la-corte\/2012\/tutelas-2012\/' title='Tutelas 2012' class='pt-cv-tax-tutelas-2012'>Tutelas 2012<\/a><\/div>\n<h4 class=\"pt-cv-title\"><a href=\"https:\/\/www.dmsjuridica.com\/buscador_20179478954\/corteconstitucionalcronologico202454587\/t-648-12\/\" class=\"_self\" target=\"_self\" >T-648-12<\/a><\/h4>\n<div class=\"pt-cv-content\">\u00a0 \u00a0 Sentencia T-648\/12 \u00a0 DATOS PERSONALES Y BASES DE DATOS PERSONALES RELACIONADOS CON ANTECEDENTES PENALES-Particularidades\u00a0 \u00a0 DATO PERSONAL SOBRE ANTECEDENTES PENALES \u00a0 BASE DE DATOS SOBRE ANTECEDENTES PENALES \u00a0 PRINCIPIOS Y REGLAS QUE DEBE SEGUIR EL ADMINISTRADOR DE BASES DE DATOS\/PRINCIPIOS DE FINALIDAD, UTILIDAD, NECESIDAD Y CIRCULACION RESTRINGIDA DE BASES DE DATOS \u00a0 FUNCIONES DE LOS DATOS PERSONALES SOBRE ANTECEDENTES PENALES EN EL CONTEXTO DE LA ADMINISTRACION DE BASES DE DATOS SOBRE ESTOS \u00a0 DIMENSION SUBJETIVA DEL HABEAS DATA Y FACULTAD ESPECIFICA DE SUPRIMIR COMO PARTE DE SU OBJETO PROTEGIDO \u00a0 HABEAS DATA COMO DERECHO AUTONOMO Y COMO GARANTIA ...<br \/><div class=\"pt-cv-rmwrap\"><a href=\"https:\/\/www.dmsjuridica.com\/buscador_20179478954\/corteconstitucionalcronologico202454587\/t-648-12\/\" class=\"_self pt-cv-readmore btn btn-success\" target=\"_self\">Ver Sentencia Completa...<\/a><\/div><\/div><\/div><\/div>\n<div class=\"col-md-12 col-sm-12 col-xs-12 pt-cv-content-item pt-cv-1-col\" ><div class='pt-cv-ifield'><a href=\"https:\/\/www.dmsjuridica.com\/buscador_20179478954\/corteconstitucionalcronologico202454587\/t-647-12\/\" class=\"_self pt-cv-href-thumbnail pt-cv-thumb-default\" target=\"_self\" ><\/a>\n<div class=\"pt-cv-taxoterm above_title\"><a href='https:\/\/www.dmsjuridica.com\/buscador_20179478954\/corteconstitucionalcronologico202454587\/category\/buscar-en-toda-la-corte\/2012\/tutelas-2012\/' title='Tutelas 2012' class='pt-cv-tax-tutelas-2012'>Tutelas 2012<\/a><\/div>\n<h4 class=\"pt-cv-title\"><a href=\"https:\/\/www.dmsjuridica.com\/buscador_20179478954\/corteconstitucionalcronologico202454587\/t-647-12\/\" class=\"_self\" target=\"_self\" >T-647-12<\/a><\/h4>\n<div class=\"pt-cv-content\">\u00a0 \u00a0 \u00a0 \u00a0 \u00a0 \u00a0Sentencia T-647\/12 \u00a0 POBLACION EN SITUACION DE DISCAPACIDAD COMO GRUPO SOCIAL DE ESPECIAL PROTECCION CONSTITUCIONAL \u00a0 POBLACION EN SITUACION DE DISCAPACIDAD COMO GRUPO SOCIAL DE ESPECIAL PROTECCION CONSTITUCIONAL-Alcance de la protecci\u00f3n que se desprende de los instrumentos internacionales \u00a0 DERECHO A LA EDUCACION DE PERSONA EN SITUACION DE DISCAPACIDAD-Marco constitucional y legal \u00a0 DERECHO A LA EDUCACION DE PERSONA EN SITUACION DE DISCAPACIDAD-En el Distrito Capital, la Secretar\u00eda de Educaci\u00f3n del Distrito es la que tiene la funci\u00f3n de prestar el servicio p\u00fablico de educaci\u00f3n a personas con discapacidad o talentos excepcionales \u00a0 DERECHO A ...<br \/><div class=\"pt-cv-rmwrap\"><a href=\"https:\/\/www.dmsjuridica.com\/buscador_20179478954\/corteconstitucionalcronologico202454587\/t-647-12\/\" class=\"_self pt-cv-readmore btn btn-success\" target=\"_self\">Ver Sentencia Completa...<\/a><\/div><\/div><\/div><\/div>\n<div class=\"col-md-12 col-sm-12 col-xs-12 pt-cv-content-item pt-cv-1-col\" ><div class='pt-cv-ifield'><a href=\"https:\/\/www.dmsjuridica.com\/buscador_20179478954\/corteconstitucionalcronologico202454587\/t-646-12\/\" class=\"_self pt-cv-href-thumbnail pt-cv-thumb-default\" target=\"_self\" ><\/a>\n<div class=\"pt-cv-taxoterm above_title\"><a href='https:\/\/www.dmsjuridica.com\/buscador_20179478954\/corteconstitucionalcronologico202454587\/category\/buscar-en-toda-la-corte\/2012\/tutelas-2012\/' title='Tutelas 2012' class='pt-cv-tax-tutelas-2012'>Tutelas 2012<\/a><\/div>\n<h4 class=\"pt-cv-title\"><a href=\"https:\/\/www.dmsjuridica.com\/buscador_20179478954\/corteconstitucionalcronologico202454587\/t-646-12\/\" class=\"_self\" target=\"_self\" >T-646-12<\/a><\/h4>\n<div class=\"pt-cv-content\">\u00a0 \u00a0 Sentencia T-646\/12 \u00a0 LICENCIA DE MATERNIDAD-Importancia del reconocimiento y pago de la licencia como medio de protecci\u00f3n de la madre y del reci\u00e9n nacido \u00a0 La legislaci\u00f3n laboral colombiana ha expedido medidas de protecci\u00f3n a la mujer embarazada, para garantizarle los servicios m\u00e9dicos, quir\u00fargicos, hospitalarios y farmac\u00e9uticos antes, durante y despu\u00e9s del parto, con normas atinentes al r\u00e9gimen de prestaciones econ\u00f3micas y a la salvaguarda de valores y principios constitucionales y legales, tambi\u00e9n reconocidos en convenios internacionales. La Constituci\u00f3n Pol\u00edtica de 1991, al instituir a Colombia como Estado social de derecho, extendi\u00f3 destacada protecci\u00f3n a diversos grupos especiales ...<br \/><div class=\"pt-cv-rmwrap\"><a href=\"https:\/\/www.dmsjuridica.com\/buscador_20179478954\/corteconstitucionalcronologico202454587\/t-646-12\/\" class=\"_self pt-cv-readmore btn btn-success\" target=\"_self\">Ver Sentencia Completa...<\/a><\/div><\/div><\/div><\/div>\n<div class=\"col-md-12 col-sm-12 col-xs-12 pt-cv-content-item pt-cv-1-col\" ><div class='pt-cv-ifield'><a href=\"https:\/\/www.dmsjuridica.com\/buscador_20179478954\/corteconstitucionalcronologico202454587\/t-639-12\/\" class=\"_self pt-cv-href-thumbnail pt-cv-thumb-default\" target=\"_self\" ><\/a>\n<div class=\"pt-cv-taxoterm above_title\"><a href='https:\/\/www.dmsjuridica.com\/buscador_20179478954\/corteconstitucionalcronologico202454587\/category\/buscar-en-toda-la-corte\/2012\/tutelas-2012\/' title='Tutelas 2012' class='pt-cv-tax-tutelas-2012'>Tutelas 2012<\/a><\/div>\n<h4 class=\"pt-cv-title\"><a href=\"https:\/\/www.dmsjuridica.com\/buscador_20179478954\/corteconstitucionalcronologico202454587\/t-639-12\/\" class=\"_self\" target=\"_self\" >T-639-12<\/a><\/h4>\n<div class=\"pt-cv-content\">\u00a0 \u00a0 \u00a0\u00a0 Sentencia T-639\/12 \u00a0 ACCION DE TUTELA CONTRA PROVIDENCIAS JUDICIALES-Improcedencia general \u00a0 ACCION DE TUTELA CONTRA PROVIDENCIAS JUDICIALES-Requisitos generales y especiales de procedibilidad \u00a0 ACCION DE TUTELA CONTRA PROVIDENCIAS JUDICIALES-Procedencia excepcional para la protecci\u00f3n de derechos fundamentales \u00a0 La Corte ha realzado que la circunstancia de que el juez de tutela pueda, por rigurosa excepci\u00f3n, revisar una decisi\u00f3n judicial tildada de arbitraria, no lo convierte en juez de instancia, ni puede llevarle a sustituir a quien lo es. En efecto, el amparo constitucional constituye una confrontaci\u00f3n de la actuaci\u00f3n judicial con el texto superior, para la estricta verificaci\u00f3n ...<br \/><div class=\"pt-cv-rmwrap\"><a href=\"https:\/\/www.dmsjuridica.com\/buscador_20179478954\/corteconstitucionalcronologico202454587\/t-639-12\/\" class=\"_self pt-cv-readmore btn btn-success\" target=\"_self\">Ver Sentencia Completa...<\/a><\/div><\/div><\/div><\/div>\n<div class=\"col-md-12 col-sm-12 col-xs-12 pt-cv-content-item pt-cv-1-col\" ><div class='pt-cv-ifield'><a href=\"https:\/\/www.dmsjuridica.com\/buscador_20179478954\/corteconstitucionalcronologico202454587\/t-638-12\/\" class=\"_self pt-cv-href-thumbnail pt-cv-thumb-default\" target=\"_self\" ><\/a>\n<div class=\"pt-cv-taxoterm above_title\"><a href='https:\/\/www.dmsjuridica.com\/buscador_20179478954\/corteconstitucionalcronologico202454587\/category\/buscar-en-toda-la-corte\/2012\/tutelas-2012\/' title='Tutelas 2012' class='pt-cv-tax-tutelas-2012'>Tutelas 2012<\/a><\/div>\n<h4 class=\"pt-cv-title\"><a href=\"https:\/\/www.dmsjuridica.com\/buscador_20179478954\/corteconstitucionalcronologico202454587\/t-638-12\/\" class=\"_self\" target=\"_self\" >T-638-12<\/a><\/h4>\n<div class=\"pt-cv-content\">\u00a0 \u00a0 \u00a0 \u00a0 Sentencia T-638\/12 \u00a0 RETIRO DISCRECIONAL POR RAZONES DEL SERVICIO DE OFICIALES Y SUBOFICIALES DE LA POLICIA NACIONAL Y FUERZAS MILITARES-Casos en que Ej\u00e9rcito y Polic\u00eda Nacional desvinculan a los accionantes mediante resoluciones inmotivadas\u00a0 \u00a0 ACCION DE TUTELA CONTRA PROVIDENCIAS JUDICIALES-Procedencia excepcional\/ACCION DE TUTELA CONTRA PROVIDENCIAS JUDICIALES-Requisitos generales y especiales de procedibilidad\u00a0 \u00a0 CARACTERIZACION DEL DEFECTO POR DESCONOCIMIENTO DEL PRECEDENTE JUDICIAL \u00a0 La\u00a0Corte Constitucional ha establecido que el defecto por desconocimiento del precedente se presenta cuando se fija el alcance de un derecho fundamental y el juez ordinario aplica una ley limitando sustancialmente dicho alcance. No obstante, ...<br \/><div class=\"pt-cv-rmwrap\"><a href=\"https:\/\/www.dmsjuridica.com\/buscador_20179478954\/corteconstitucionalcronologico202454587\/t-638-12\/\" class=\"_self pt-cv-readmore btn btn-success\" target=\"_self\">Ver Sentencia Completa...<\/a><\/div><\/div><\/div><\/div>\n<div class=\"col-md-12 col-sm-12 col-xs-12 pt-cv-content-item pt-cv-1-col\" ><div class='pt-cv-ifield'><a href=\"https:\/\/www.dmsjuridica.com\/buscador_20179478954\/corteconstitucionalcronologico202454587\/t-637-12\/\" class=\"_self pt-cv-href-thumbnail pt-cv-thumb-default\" target=\"_self\" ><\/a>\n<div class=\"pt-cv-taxoterm above_title\"><a href='https:\/\/www.dmsjuridica.com\/buscador_20179478954\/corteconstitucionalcronologico202454587\/category\/buscar-en-toda-la-corte\/2012\/tutelas-2012\/' title='Tutelas 2012' class='pt-cv-tax-tutelas-2012'>Tutelas 2012<\/a><\/div>\n<h4 class=\"pt-cv-title\"><a href=\"https:\/\/www.dmsjuridica.com\/buscador_20179478954\/corteconstitucionalcronologico202454587\/t-637-12\/\" class=\"_self\" target=\"_self\" >T-637-12<\/a><\/h4>\n<div class=\"pt-cv-content\">\u00a0 \u00a0 Sentencia T-637\/12 \u00a0 ACCION DE TUTELA CONTRA PROVIDENCIAS JUDICIALES-Requisitos generales y especiales de procedibilidad \u00a0 ACCION DE TUTELA CONTRA PROVIDENCIAS JUDICIALES-Procedencia excepcional para la protecci\u00f3n de derechos fundamentales \u00a0 DEFECTO SUSTANTIVO Y DEFECTO FACTICO COMO CAUSAL ESPECIFICA DE PROCEDENCIA DE LA ACCION DE TUTELA CONTRA PROVIDENCIAS JUDICIALES-Reiteraci\u00f3n de jurisprudencia \u00a0 CARACTERIZACION DEL DEFECTO MATERIAL O SUSTANTIVO COMO CAUSAL DE PROCEDIBILIDAD DE LA ACCION DE TUTELA CONTRA PROVIDENCIAS JUDICIALES-En casos de interpretaci\u00f3n irrazonable \u00a0 De acuerdo con la jurisprudencia constitucional, la protecci\u00f3n de derechos fundamentales por v\u00eda de tutela cuando \u00e9stos resultan afectados por la interpretaci\u00f3n judicial debe ser ...<br \/><div class=\"pt-cv-rmwrap\"><a href=\"https:\/\/www.dmsjuridica.com\/buscador_20179478954\/corteconstitucionalcronologico202454587\/t-637-12\/\" class=\"_self pt-cv-readmore btn btn-success\" target=\"_self\">Ver Sentencia Completa...<\/a><\/div><\/div><\/div><\/div>\n<div class=\"col-md-12 col-sm-12 col-xs-12 pt-cv-content-item pt-cv-1-col\" ><div class='pt-cv-ifield'><a href=\"https:\/\/www.dmsjuridica.com\/buscador_20179478954\/corteconstitucionalcronologico202454587\/t-629-12\/\" class=\"_self pt-cv-href-thumbnail pt-cv-thumb-default\" target=\"_self\" ><\/a>\n<div class=\"pt-cv-taxoterm above_title\"><a href='https:\/\/www.dmsjuridica.com\/buscador_20179478954\/corteconstitucionalcronologico202454587\/category\/buscar-en-toda-la-corte\/2012\/tutelas-2012\/' title='Tutelas 2012' class='pt-cv-tax-tutelas-2012'>Tutelas 2012<\/a><\/div>\n<h4 class=\"pt-cv-title\"><a href=\"https:\/\/www.dmsjuridica.com\/buscador_20179478954\/corteconstitucionalcronologico202454587\/t-629-12\/\" class=\"_self\" target=\"_self\" >T-629-12<\/a><\/h4>\n<div class=\"pt-cv-content\">AUTONOMIA E INDEPENDENCIA DEL JUEZ-L\u00edmites \u00a0 PRINCIPIO DE AUTONOMIA E INDEPENDENCIA JUDICIAL-Competencia de autoridades judiciales para interpretar y aplicar normas jur\u00eddicas no es absoluta \u00a0 La administraci\u00f3n de justicia emanada por los jueces, no s\u00f3lo implica la aplicaci\u00f3n silog\u00edstica de las reglas normativas, sino que tambi\u00e9n exige la interpretaci\u00f3n de \u00e9stas, cuando quiera que resulten ambiguas o complejas en su aplicaci\u00f3n. Dicha facultad, se desprende de la autonom\u00eda e independencia judicial de los jueces, que reconoce la Constituci\u00f3n Pol\u00edtica en sus art\u00edculos 228 y 230, como una garant\u00eda institucional para efectos de articular el principio de separaci\u00f3n de poderes. Sin ...<br \/><div class=\"pt-cv-rmwrap\"><a href=\"https:\/\/www.dmsjuridica.com\/buscador_20179478954\/corteconstitucionalcronologico202454587\/t-629-12\/\" class=\"_self pt-cv-readmore btn btn-success\" target=\"_self\">Ver Sentencia Completa...<\/a><\/div><\/div><\/div><\/div>\n<div class=\"col-md-12 col-sm-12 col-xs-12 pt-cv-content-item pt-cv-1-col\" ><div class='pt-cv-ifield'><a href=\"https:\/\/www.dmsjuridica.com\/buscador_20179478954\/corteconstitucionalcronologico202454587\/t-628-12\/\" class=\"_self pt-cv-href-thumbnail pt-cv-thumb-default\" target=\"_self\" ><\/a>\n<div class=\"pt-cv-taxoterm above_title\"><a href='https:\/\/www.dmsjuridica.com\/buscador_20179478954\/corteconstitucionalcronologico202454587\/category\/buscar-en-toda-la-corte\/2012\/tutelas-2012\/' title='Tutelas 2012' class='pt-cv-tax-tutelas-2012'>Tutelas 2012<\/a><\/div>\n<h4 class=\"pt-cv-title\"><a href=\"https:\/\/www.dmsjuridica.com\/buscador_20179478954\/corteconstitucionalcronologico202454587\/t-628-12\/\" class=\"_self\" target=\"_self\" >T-628-12<\/a><\/h4>\n<div class=\"pt-cv-content\">PROGRAMA HOGARES COMUNITARIOS DE BIENESTAR-R\u00e9gimen jur\u00eddico \u00a0 \u00a0 \u00a0 PROGRAMA HOGARES COMUNITARIOS DE BIENESTAR-Acciones \u00a0 \u00a0 \u00a0 PROGRAMA HOGARES COMUNITARIOS DE BIENESTAR-Competencias \u00a0 \u00a0 \u00a0 PROGRAMA HOGARES COMUNITARIOS DE BIENESTAR-Caracter\u00edsticas \u00a0 \u00a0 \u00a0 PROGRAMA HOGARES COMUNITARIOS DE BIENESTAR-Recursos \u00a0 \u00a0 \u00a0 MADRES COMUNITARIAS DEL PROGRAMA HOGARES COMUNITARIOS DE BIENESTAR-R\u00e9gimen jur\u00eddico \u00a0 \u00a0 \u00a0 MADRES COMUNITARIAS DEL PROGRAMA HOGARES COMUNITARIOS DE BIENESTAR-Naturaleza jur\u00eddica \u00a0 \u00a0 \u00a0 MADRES COMUNITARIAS DEL PROGRAMA HOGARES COMUNITARIOS DE BIENESTAR-Retribuci\u00f3n econ\u00f3mica a cambio de prestaci\u00f3n de servicios personales \u00a0 \u00a0 \u00a0 MADRES COMUNITARIAS DEL PROGRAMA HOGARES COMUNITARIOS DE BIENESTAR-Diferencia con r\u00e9gimen de trabajadores independientes \u00a0 \u00a0 \u00a0 ...<br \/><div class=\"pt-cv-rmwrap\"><a href=\"https:\/\/www.dmsjuridica.com\/buscador_20179478954\/corteconstitucionalcronologico202454587\/t-628-12\/\" class=\"_self pt-cv-readmore btn btn-success\" target=\"_self\">Ver Sentencia Completa...<\/a><\/div><\/div><\/div><\/div>\n<div class=\"col-md-12 col-sm-12 col-xs-12 pt-cv-content-item pt-cv-1-col\" ><div class='pt-cv-ifield'><a href=\"https:\/\/www.dmsjuridica.com\/buscador_20179478954\/corteconstitucionalcronologico202454587\/t-627-12\/\" class=\"_self pt-cv-href-thumbnail pt-cv-thumb-default\" target=\"_self\" ><\/a>\n<div class=\"pt-cv-taxoterm above_title\"><a href='https:\/\/www.dmsjuridica.com\/buscador_20179478954\/corteconstitucionalcronologico202454587\/category\/buscar-en-toda-la-corte\/2012\/tutelas-2012\/' title='Tutelas 2012' class='pt-cv-tax-tutelas-2012'>Tutelas 2012<\/a><\/div>\n<h4 class=\"pt-cv-title\"><a href=\"https:\/\/www.dmsjuridica.com\/buscador_20179478954\/corteconstitucionalcronologico202454587\/t-627-12\/\" class=\"_self\" target=\"_self\" >T-627-12<\/a><\/h4>\n<div class=\"pt-cv-content\">\u00a0 \u00a0 Sentencia T-627\/12 \u00a0 DERECHO A LA INFORMACION-Veracidad e imparcialidad \u00a0 En virtud de este derecho los receptores pueden exigir, adem\u00e1s, cierta \u201ccalidad\u201d en la informaci\u00f3n recibida. Concretamente, est\u00e1n habilitados para exigir que sea veraz e imparcial como expl\u00edcitamente lo prescribe el art\u00edculo 20 de la Carta de 1991 y, adicionalmente, que quien difunda informaci\u00f3n la diferencie \u201cclaramente de las opiniones\u201d. \u00a0 DERECHO A LA INFORMACION-Protecci\u00f3n constitucional\u00a0 \u00a0 DERECHO A LA LIBERTAD DE EXPRESION DE FUNCIONARIOS PUBLICOS-Tiene limitaciones mayores a las que ostenta cuando lo ejerce un ciudadano del com\u00fan \u00a0 Las declaraciones de altos funcionarios p\u00fablicos -de nivel ...<br \/><div class=\"pt-cv-rmwrap\"><a href=\"https:\/\/www.dmsjuridica.com\/buscador_20179478954\/corteconstitucionalcronologico202454587\/t-627-12\/\" class=\"_self pt-cv-readmore btn btn-success\" target=\"_self\">Ver Sentencia Completa...<\/a><\/div><\/div><\/div><\/div>\n<div class=\"col-md-12 col-sm-12 col-xs-12 pt-cv-content-item pt-cv-1-col\" ><div class='pt-cv-ifield'><a href=\"https:\/\/www.dmsjuridica.com\/buscador_20179478954\/corteconstitucionalcronologico202454587\/t-626-12\/\" class=\"_self pt-cv-href-thumbnail pt-cv-thumb-default\" target=\"_self\" ><\/a>\n<div class=\"pt-cv-taxoterm above_title\"><a href='https:\/\/www.dmsjuridica.com\/buscador_20179478954\/corteconstitucionalcronologico202454587\/category\/buscar-en-toda-la-corte\/2012\/tutelas-2012\/' title='Tutelas 2012' class='pt-cv-tax-tutelas-2012'>Tutelas 2012<\/a><\/div>\n<h4 class=\"pt-cv-title\"><a href=\"https:\/\/www.dmsjuridica.com\/buscador_20179478954\/corteconstitucionalcronologico202454587\/t-626-12\/\" class=\"_self\" target=\"_self\" >T-626-12<\/a><\/h4>\n<div class=\"pt-cv-content\">\u00a0 \u00a0 Sentencia T-626\/12 \u00a0 DERECHO A LA SALUD-Condiciones para reclamar medicamentos o procedimientos incluidos en el POS \u00a0 \u00a0 \u00a0 DERECHO A LA SALUD-Reglas respecto de medicamentos o procedimientos no incluidos en el POS \u00a0 \u00a0 \u00a0 DERECHO A LA SALUD-Servicio m\u00e9dico ordenado por m\u00e9dico adscrito a EPS no es absoluto\/CONCEPTO EMITIDO POR MEDICO TRATANTE NO ADSCRITO A EPS-Resulta vinculante \u00a0 \u00a0 \u00a0 CONCEPTO EMITIDO POR MEDICO TRATANTE NO ADSCRITO A EPS-Valoraci\u00f3n \u00a0 \u00a0 \u00a0 DERECHO A LA SALUD-Comprende derecho al diagn\u00f3stico \u00a0 \u00a0 \u00a0 DERECHO AL DIAGNOSTICO-Diagn\u00f3stico medico de profesional de la salud no adscrito a EPS no ...<br \/><div class=\"pt-cv-rmwrap\"><a href=\"https:\/\/www.dmsjuridica.com\/buscador_20179478954\/corteconstitucionalcronologico202454587\/t-626-12\/\" class=\"_self pt-cv-readmore btn btn-success\" target=\"_self\">Ver Sentencia Completa...<\/a><\/div><\/div><\/div><\/div>\n<div class=\"col-md-12 col-sm-12 col-xs-12 pt-cv-content-item pt-cv-1-col\" ><div class='pt-cv-ifield'><a href=\"https:\/\/www.dmsjuridica.com\/buscador_20179478954\/corteconstitucionalcronologico202454587\/t-625-12\/\" class=\"_self pt-cv-href-thumbnail pt-cv-thumb-default\" target=\"_self\" ><\/a>\n<div class=\"pt-cv-taxoterm above_title\"><a href='https:\/\/www.dmsjuridica.com\/buscador_20179478954\/corteconstitucionalcronologico202454587\/category\/buscar-en-toda-la-corte\/2012\/tutelas-2012\/' title='Tutelas 2012' class='pt-cv-tax-tutelas-2012'>Tutelas 2012<\/a><\/div>\n<h4 class=\"pt-cv-title\"><a href=\"https:\/\/www.dmsjuridica.com\/buscador_20179478954\/corteconstitucionalcronologico202454587\/t-625-12\/\" class=\"_self\" target=\"_self\" >T-625-12<\/a><\/h4>\n<div class=\"pt-cv-content\">\u00a0 \u00a0 Sentencia T-625\/12 \u00a0 ACCION DE TUTELA CONTRA PROVIDENCIAS JUDICIALES-Procedencia excepcional \u00a0 \u00a0 \u00a0 ACCION DE TUTELA CONTRA PROVIDENCIAS JUDICIALES-Requisitos generales y especiales de procedibilidad \u00a0 DERECHO A LA INDEXACION DE LA PRIMERA MESADA PENSIONAL-Debe mantener el poder adquisitivo seg\u00fan sentencia C-862\/06\/INDEXACION DE LA PRIMERA MESADA PENSIONAL-Significado\/INDEXACION DE LA PRIMERA MESADA PENSIONAL-Actualizaci\u00f3n del ingreso base de liquidaci\u00f3n \u00a0 \u00a0 \u00a0 INDEXACION DE LA PRIMERA MESADA PENSIONAL-Jurisprudencia del Consejo de Estado \u00a0 \u00a0 \u00a0 INDEXACION DE LA PRIMERA MESADA PENSIONAL-Actualizaci\u00f3n debe realizarse con base en la variaci\u00f3n del IPC \u00a0 \u00a0 \u00a0 INDEXACION DE LA PRIMERA MESADA PENSIONAL-F\u00f3rmula de actualizaci\u00f3n ...<br \/><div class=\"pt-cv-rmwrap\"><a href=\"https:\/\/www.dmsjuridica.com\/buscador_20179478954\/corteconstitucionalcronologico202454587\/t-625-12\/\" class=\"_self pt-cv-readmore btn btn-success\" target=\"_self\">Ver Sentencia Completa...<\/a><\/div><\/div><\/div><\/div>\n<div class=\"col-md-12 col-sm-12 col-xs-12 pt-cv-content-item pt-cv-1-col\" ><div class='pt-cv-ifield'><a href=\"https:\/\/www.dmsjuridica.com\/buscador_20179478954\/corteconstitucionalcronologico202454587\/t-624-12\/\" class=\"_self pt-cv-href-thumbnail pt-cv-thumb-default\" target=\"_self\" ><\/a>\n<div class=\"pt-cv-taxoterm above_title\"><a href='https:\/\/www.dmsjuridica.com\/buscador_20179478954\/corteconstitucionalcronologico202454587\/category\/buscar-en-toda-la-corte\/2012\/tutelas-2012\/' title='Tutelas 2012' class='pt-cv-tax-tutelas-2012'>Tutelas 2012<\/a><\/div>\n<h4 class=\"pt-cv-title\"><a href=\"https:\/\/www.dmsjuridica.com\/buscador_20179478954\/corteconstitucionalcronologico202454587\/t-624-12\/\" class=\"_self\" target=\"_self\" >T-624-12<\/a><\/h4>\n<div class=\"pt-cv-content\">\u00a0 \u00a0 Sentencia T-624\/12 \u00a0 DERECHO A LA SEGURIDAD SOCIAL-Fundamental \u00a0 \u00a0 \u00a0 SEGURIDAD SOCIAL-Derecho irrenunciable y servicio p\u00fablico a cargo del Estado \u00a0 \u00a0 \u00a0 ACCION DE TUTELA PARA RECONOCIMIENTO DE PRESTACION ECONOMICA DERIVADA DE LA SEGURIDAD SOCIAL-Procedencia excepcional \u00a0 \u00a0 \u00a0 ACCION DE TUTELA-Procedencia como mecanismo transitorio para evitar un perjuicio irremediable pese a la existencia de otros medios de defensa judicial \u00a0 \u00a0 \u00a0 ACCION DE TUTELA-Requisitos de subsidiariedad \u00a0 \u00a0 \u00a0 ACCION DE TUTELA EN MATERIA DE RELIQUIDACION E INDEXACION PENSIONAL-Procedencia excepcional \u00a0 \u00a0 \u00a0 DERECHO A LA SEGURIDAD SOCIAL Y DERECHO A LA RELIQUIDACION DE ...<br \/><div class=\"pt-cv-rmwrap\"><a href=\"https:\/\/www.dmsjuridica.com\/buscador_20179478954\/corteconstitucionalcronologico202454587\/t-624-12\/\" class=\"_self pt-cv-readmore btn btn-success\" target=\"_self\">Ver Sentencia Completa...<\/a><\/div><\/div><\/div><\/div>\n<div class=\"col-md-12 col-sm-12 col-xs-12 pt-cv-content-item pt-cv-1-col\" ><div class='pt-cv-ifield'><a href=\"https:\/\/www.dmsjuridica.com\/buscador_20179478954\/corteconstitucionalcronologico202454587\/t-623-12\/\" class=\"_self pt-cv-href-thumbnail pt-cv-thumb-default\" target=\"_self\" ><\/a>\n<div class=\"pt-cv-taxoterm above_title\"><a href='https:\/\/www.dmsjuridica.com\/buscador_20179478954\/corteconstitucionalcronologico202454587\/category\/buscar-en-toda-la-corte\/2012\/tutelas-2012\/' title='Tutelas 2012' class='pt-cv-tax-tutelas-2012'>Tutelas 2012<\/a><\/div>\n<h4 class=\"pt-cv-title\"><a href=\"https:\/\/www.dmsjuridica.com\/buscador_20179478954\/corteconstitucionalcronologico202454587\/t-623-12\/\" class=\"_self\" target=\"_self\" >T-623-12<\/a><\/h4>\n<div class=\"pt-cv-content\">\u00a0 \u00a0 Sentencia T-623\/12 \u00a0 PAGO DE INDEMNIZACION POR INCAPACIDAD-Solicitud de valoraci\u00f3n m\u00e9dica para calificar grado de invalidez \u00a0 \u00a0 \u00a0 JUNTA DE CALIFICACION DE INVALIDEZ-Pago de honorarios \u00a0 \u00a0 \u00a0 JUNTA DE CALIFICACION DE INVALIDEZ-Certificaci\u00f3n de invalidez sirve para reconocer una prestaci\u00f3n social \u00a0 \u00a0 \u00a0 JUNTA DE CALIFICACION DE INVALIDEZ-Emisi\u00f3n dict\u00e1menes de p\u00e9rdida de capacidad laboral para el pago de incapacidades, pensi\u00f3n de invalidez, sustituci\u00f3n pensional o pensi\u00f3n de sobrevivientes \u00a0 \u00a0 \u00a0 JUNTA DE CALIFICACION DE INVALIDEZ Y PRINCIPIO DE SOLIDARIDAD-Pago de honorarios por entidad de previsi\u00f3n o seguridad social o sociedad administradora a la que este ...<br \/><div class=\"pt-cv-rmwrap\"><a href=\"https:\/\/www.dmsjuridica.com\/buscador_20179478954\/corteconstitucionalcronologico202454587\/t-623-12\/\" class=\"_self pt-cv-readmore btn btn-success\" target=\"_self\">Ver Sentencia Completa...<\/a><\/div><\/div><\/div><\/div>\n<div class=\"col-md-12 col-sm-12 col-xs-12 pt-cv-content-item pt-cv-1-col\" ><div class='pt-cv-ifield'><a href=\"https:\/\/www.dmsjuridica.com\/buscador_20179478954\/corteconstitucionalcronologico202454587\/t-622-12\/\" class=\"_self pt-cv-href-thumbnail pt-cv-thumb-default\" target=\"_self\" ><\/a>\n<div class=\"pt-cv-taxoterm above_title\"><a href='https:\/\/www.dmsjuridica.com\/buscador_20179478954\/corteconstitucionalcronologico202454587\/category\/buscar-en-toda-la-corte\/2012\/tutelas-2012\/' title='Tutelas 2012' class='pt-cv-tax-tutelas-2012'>Tutelas 2012<\/a><\/div>\n<h4 class=\"pt-cv-title\"><a href=\"https:\/\/www.dmsjuridica.com\/buscador_20179478954\/corteconstitucionalcronologico202454587\/t-622-12\/\" class=\"_self\" target=\"_self\" >T-622-12<\/a><\/h4>\n<div class=\"pt-cv-content\">\u00a0 \u00a0 Sentencia T-622\/12 \u00a0 SISTEMA DE SEGURIDAD SOCIAL-Servicio p\u00fablico esencial \u00a0 \u00a0 \u00a0 SISTEMA DE SEGURIDAD SOCIAL INTEGRAL-Desarrollo del derecho a la salud y seguridad social \u00a0 \u00a0 \u00a0 ACCION DE TUTELA PARA SUMINISTRO DE MEDICAMENTOS O TRATAMIENTOS INCLUIDOS EN EL POS-Procedencia \u00a0 \u00a0 \u00a0 ACCION DE TUTELA PARA SUMINISTRO DE MEDICAMENTOS O TRATAMIENTOS NO INCLUIDOS EN EL POS-Procedencia excepcional \u00a0 \u00a0 \u00a0 TRATAMIENTOS, MEDICAMENTOS O IMPLEMENTOS NO INCLUIDOS EN EL POS-Condiciones para su autorizaci\u00f3n \u00a0 \u00a0 \u00a0 DERECHO A LA SALUD-Requisitos para reclamar medicamentos o procedimientos no incluidos en el POS \u00a0 \u00a0 \u00a0 SISTEMA DE SEGURIDAD SOCIAL ...<br \/><div class=\"pt-cv-rmwrap\"><a href=\"https:\/\/www.dmsjuridica.com\/buscador_20179478954\/corteconstitucionalcronologico202454587\/t-622-12\/\" class=\"_self pt-cv-readmore btn btn-success\" target=\"_self\">Ver Sentencia Completa...<\/a><\/div><\/div><\/div><\/div>\n<div class=\"col-md-12 col-sm-12 col-xs-12 pt-cv-content-item pt-cv-1-col\" ><div class='pt-cv-ifield'><a href=\"https:\/\/www.dmsjuridica.com\/buscador_20179478954\/corteconstitucionalcronologico202454587\/t-616-12\/\" class=\"_self pt-cv-href-thumbnail pt-cv-thumb-default\" target=\"_self\" ><\/a>\n<div class=\"pt-cv-taxoterm above_title\"><a href='https:\/\/www.dmsjuridica.com\/buscador_20179478954\/corteconstitucionalcronologico202454587\/category\/buscar-en-toda-la-corte\/2012\/tutelas-2012\/' title='Tutelas 2012' class='pt-cv-tax-tutelas-2012'>Tutelas 2012<\/a><\/div>\n<h4 class=\"pt-cv-title\"><a href=\"https:\/\/www.dmsjuridica.com\/buscador_20179478954\/corteconstitucionalcronologico202454587\/t-616-12\/\" class=\"_self\" target=\"_self\" >T-616-12<\/a><\/h4>\n<div class=\"pt-cv-content\">\u00a0 \u00a0 Sentencia T-616\/12 \u00a0 ORGANIZACION SINDICAL-Legitimaci\u00f3n por activa \u00a0 \u00a0 \u00a0 PRINCIPIO DE PRIMACIA DE LA REALIDAD SOBRE LAS FORMALIDADES EN MATERIA LABORAL-Contrato realidad \u00a0 \u00a0 \u00a0 CONTRATO DE TRABAJO-Requisitos y elementos esenciales de una relaci\u00f3n laboral \u00a0 \u00a0 \u00a0 COOPERATIVA DE TRABAJO ASOCIADO Y PRINCIPIO DE LA REALIDAD SOBRE LAS FORMAS-Contrato realidad \u00a0 \u00a0 \u00a0 COOPERATIVA DE TRABAJO ASOCIADO-Definici\u00f3n \u00a0 \u00a0 \u00a0 COOPERATIVA DE TRABAJO ASOCIADO-Caracter\u00edsticas \u00a0 \u00a0 \u00a0 COOPERATIVA DE TRABAJO ASOCIADO-Elementos que configuran un estado de subordinaci\u00f3n \u00a0 \u00a0 \u00a0 DERECHO DE ASOCIACION SINDICAL-Garant\u00edas \u00a0 \u00a0 \u00a0 DERECHO DE ASOCIACION SINDICAL-Dimensiones \u00a0 DERECHO DE ASOCIACION SINDICAL-Vulneraci\u00f3n ...<br \/><div class=\"pt-cv-rmwrap\"><a href=\"https:\/\/www.dmsjuridica.com\/buscador_20179478954\/corteconstitucionalcronologico202454587\/t-616-12\/\" class=\"_self pt-cv-readmore btn btn-success\" target=\"_self\">Ver Sentencia Completa...<\/a><\/div><\/div><\/div><\/div>\n<div class=\"col-md-12 col-sm-12 col-xs-12 pt-cv-content-item pt-cv-1-col\" ><div class='pt-cv-ifield'><a href=\"https:\/\/www.dmsjuridica.com\/buscador_20179478954\/corteconstitucionalcronologico202454587\/t-615-12\/\" class=\"_self pt-cv-href-thumbnail pt-cv-thumb-default\" target=\"_self\" ><\/a>\n<div class=\"pt-cv-taxoterm above_title\"><a href='https:\/\/www.dmsjuridica.com\/buscador_20179478954\/corteconstitucionalcronologico202454587\/category\/buscar-en-toda-la-corte\/2012\/tutelas-2012\/' title='Tutelas 2012' class='pt-cv-tax-tutelas-2012'>Tutelas 2012<\/a><\/div>\n<h4 class=\"pt-cv-title\"><a href=\"https:\/\/www.dmsjuridica.com\/buscador_20179478954\/corteconstitucionalcronologico202454587\/t-615-12\/\" class=\"_self\" target=\"_self\" >T-615-12<\/a><\/h4>\n<div class=\"pt-cv-content\">\u00a0 \u00a0 Sentencia T-615\/12 \u00a0 ACCION DE TUTELA CONTRA COLFONDOS-Solicitud para que se abstenga de pagar el 50% de la pensi\u00f3n de sobrevivientes a padre de menor de edad con discapacidad \u00a0 \u00a0 \u00a0 CARENCIA ACTUAL DE OBJETO-Caracter\u00edstica \u00a0 \u00a0 \u00a0 CARENCIA ACTUAL DE OBJETO-Da\u00f1o consumado y hecho superado \u00a0 \u00a0 \u00a0 \u00a0 \u00a0 CARENCIA ACTUAL DE OBJETO POR DA\u00d1O CONSUMADO-Procedencia excepcional de la acci\u00f3n de tutela para ordenar alg\u00fan tipo de indemnizaci\u00f3n \u00a0 \u00a0 \u00a0 DA\u00d1O CONSUMADO-Supuestos \u00a0 \u00a0 \u00a0 CARENCIA ACTUAL DE OBJETO-No impide pronunciamiento de fondo sobre violaci\u00f3n de derechos fundamentales y correcci\u00f3n de decisiones judiciales \u00a0 ...<br \/><div class=\"pt-cv-rmwrap\"><a href=\"https:\/\/www.dmsjuridica.com\/buscador_20179478954\/corteconstitucionalcronologico202454587\/t-615-12\/\" class=\"_self pt-cv-readmore btn btn-success\" target=\"_self\">Ver Sentencia Completa...<\/a><\/div><\/div><\/div><\/div>\n<div class=\"col-md-12 col-sm-12 col-xs-12 pt-cv-content-item pt-cv-1-col\" ><div class='pt-cv-ifield'><a href=\"https:\/\/www.dmsjuridica.com\/buscador_20179478954\/corteconstitucionalcronologico202454587\/t-614-12\/\" class=\"_self pt-cv-href-thumbnail pt-cv-thumb-default\" target=\"_self\" ><\/a>\n<div class=\"pt-cv-taxoterm above_title\"><a href='https:\/\/www.dmsjuridica.com\/buscador_20179478954\/corteconstitucionalcronologico202454587\/category\/buscar-en-toda-la-corte\/2012\/tutelas-2012\/' title='Tutelas 2012' class='pt-cv-tax-tutelas-2012'>Tutelas 2012<\/a><\/div>\n<h4 class=\"pt-cv-title\"><a href=\"https:\/\/www.dmsjuridica.com\/buscador_20179478954\/corteconstitucionalcronologico202454587\/t-614-12\/\" class=\"_self\" target=\"_self\" >T-614-12<\/a><\/h4>\n<div class=\"pt-cv-content\">\u00a0 \u00a0 Sentencia T-614\/12 \u00a0 LEGITIMACION POR ACTIVA EN TUTELA-Formas previstas por ordenamiento jur\u00eddico \u00a0 LEGITIMACION EN LA CAUSA POR ACTIVA EN TUTELA-Agencia oficiosa \u00a0 AGENCIA OFICIOSA EN TUTELA-Requisitos \u00a0 AGENCIA OFICIOSA EN EL CASO DE LAS PERSONAS QUE ESTAN PRESTANDO SERVICIO MILITAR OBLIGATORIO-Precisi\u00f3n del alcance de la jurisprudencia \u00a0 ACCION DE TUTELA CONTRA DIRECCION DE BATALLON MILITAR-Rechazar la acci\u00f3n por improcedente \u00a0 Referencia: expediente T- 3.429.472 \u00a0 \u00a0 \u00a0 Acci\u00f3n de Tutela instaurada por Dionica Marcela Cadavid Puerta como agente oficiosa de Ederly Andr\u00e9s Sinitave Gonz\u00e1lez contra la Direcci\u00f3n del Batall\u00f3n Militar Girardot, Distrito Militar 26 de la ciudad ...<br \/><div class=\"pt-cv-rmwrap\"><a href=\"https:\/\/www.dmsjuridica.com\/buscador_20179478954\/corteconstitucionalcronologico202454587\/t-614-12\/\" class=\"_self pt-cv-readmore btn btn-success\" target=\"_self\">Ver Sentencia Completa...<\/a><\/div><\/div><\/div><\/div>\n<div class=\"col-md-12 col-sm-12 col-xs-12 pt-cv-content-item pt-cv-1-col\" ><div class='pt-cv-ifield'><a href=\"https:\/\/www.dmsjuridica.com\/buscador_20179478954\/corteconstitucionalcronologico202454587\/t-613-12\/\" class=\"_self pt-cv-href-thumbnail pt-cv-thumb-default\" target=\"_self\" ><\/a>\n<div class=\"pt-cv-taxoterm above_title\"><a href='https:\/\/www.dmsjuridica.com\/buscador_20179478954\/corteconstitucionalcronologico202454587\/category\/buscar-en-toda-la-corte\/2012\/tutelas-2012\/' title='Tutelas 2012' class='pt-cv-tax-tutelas-2012'>Tutelas 2012<\/a><\/div>\n<h4 class=\"pt-cv-title\"><a href=\"https:\/\/www.dmsjuridica.com\/buscador_20179478954\/corteconstitucionalcronologico202454587\/t-613-12\/\" class=\"_self\" target=\"_self\" >T-613-12<\/a><\/h4>\n<div class=\"pt-cv-content\">\u00a0 \u00a0 Sentencia T-613\/12 \u00a0 LEGITIMACION POR ACTIVA EN TUTELA-Formas previstas por ordenamiento jur\u00eddico \u00a0 AGENCIA OFICIOSA EN TUTELA-Requisitos \u00a0 DERECHO A LA SALUD-Fundamental \u00a0 DERECHO A LA SALUD-Bloque de constitucionalidad e instrumentos internacionales de protecci\u00f3n \u00a0 DERECHO A LA SALUD COMO DERECHO FUNDAMENTAL AUTONOMO-Evoluci\u00f3n jurisprudencial \u00a0 DERECHO A LA SALUD DE PERSONA DE LA TERCERA EDAD-Fundamental aut\u00f3nomo \u00a0 Los adultos mayores necesitan una protecci\u00f3n preferente en vista de las especiales condiciones en que se encuentran y es por ello que el Estado tiene el deber de garantizar los servicios de seguridad social integral a estos, dentro de los cuales ...<br \/><div class=\"pt-cv-rmwrap\"><a href=\"https:\/\/www.dmsjuridica.com\/buscador_20179478954\/corteconstitucionalcronologico202454587\/t-613-12\/\" class=\"_self pt-cv-readmore btn btn-success\" target=\"_self\">Ver Sentencia Completa...<\/a><\/div><\/div><\/div><\/div>\n<div class=\"col-md-12 col-sm-12 col-xs-12 pt-cv-content-item pt-cv-1-col\" ><div class='pt-cv-ifield'><a href=\"https:\/\/www.dmsjuridica.com\/buscador_20179478954\/corteconstitucionalcronologico202454587\/t-612-12\/\" class=\"_self pt-cv-href-thumbnail pt-cv-thumb-default\" target=\"_self\" ><\/a>\n<div class=\"pt-cv-taxoterm above_title\"><a href='https:\/\/www.dmsjuridica.com\/buscador_20179478954\/corteconstitucionalcronologico202454587\/category\/buscar-en-toda-la-corte\/2012\/tutelas-2012\/' title='Tutelas 2012' class='pt-cv-tax-tutelas-2012'>Tutelas 2012<\/a><\/div>\n<h4 class=\"pt-cv-title\"><a href=\"https:\/\/www.dmsjuridica.com\/buscador_20179478954\/corteconstitucionalcronologico202454587\/t-612-12\/\" class=\"_self\" target=\"_self\" >T-612-12<\/a><\/h4>\n<div class=\"pt-cv-content\">\u00a0 \u00a0 Sentencia T-612\/12 \u00a0 ACCION DE TUTELA-Carencia actual de objeto \u00a0 DA\u00d1O CONSUMADO-Configuraci\u00f3n \u00a0 La jurisprudencia de esta Corporaci\u00f3n ha entendido que el da\u00f1o consumado se presenta cuando los supuestos de hecho que dieron origen a la interposici\u00f3n de la tutela desaparecen porque la vulneraci\u00f3n del derecho condujo a un da\u00f1o que debe resarcirse en otras instancias\u00a0 \u00a0 CARENCIA ACTUAL DE OBJETO POR HECHO SUPERADO-Configuraci\u00f3n \u00a0 En cuanto al hecho superado, la Corte ha indicado que se presenta cuando antes de que se profiera el fallo, el demandado satisface lo solicitado. En efecto, si lo pretendido con la acci\u00f3n ...<br \/><div class=\"pt-cv-rmwrap\"><a href=\"https:\/\/www.dmsjuridica.com\/buscador_20179478954\/corteconstitucionalcronologico202454587\/t-612-12\/\" class=\"_self pt-cv-readmore btn btn-success\" target=\"_self\">Ver Sentencia Completa...<\/a><\/div><\/div><\/div><\/div>\n<div class=\"col-md-12 col-sm-12 col-xs-12 pt-cv-content-item pt-cv-1-col\" ><div class='pt-cv-ifield'><a href=\"https:\/\/www.dmsjuridica.com\/buscador_20179478954\/corteconstitucionalcronologico202454587\/t-603-12\/\" class=\"_self pt-cv-href-thumbnail pt-cv-thumb-default\" target=\"_self\" ><\/a>\n<div class=\"pt-cv-taxoterm above_title\"><a href='https:\/\/www.dmsjuridica.com\/buscador_20179478954\/corteconstitucionalcronologico202454587\/category\/buscar-en-toda-la-corte\/2012\/tutelas-2012\/' title='Tutelas 2012' class='pt-cv-tax-tutelas-2012'>Tutelas 2012<\/a><\/div>\n<h4 class=\"pt-cv-title\"><a href=\"https:\/\/www.dmsjuridica.com\/buscador_20179478954\/corteconstitucionalcronologico202454587\/t-603-12\/\" class=\"_self\" target=\"_self\" >T-603-12<\/a><\/h4>\n<div class=\"pt-cv-content\">\u00a0 \u00a0 Sentencia T-603\/12 \u00a0 SERVICIO MILITAR-Obligaci\u00f3n del ciudadano \u00a0 De manera general, dentro de las obligaciones de la persona y del ciudadano se encuentran las de respetar y apoyar a las autoridades democr\u00e1ticas leg\u00edtimamente constituidas para mantener la independencia y la integridad nacionales o para defender y difundir los derechos humanos como fundamento de la convivencia pac\u00edfica; y de propender al logro y mantenimiento de la paz.\u00a0 \u00a0 \u00a0 \u00a0 SERVICIO MILITAR-Deber relativo \u00a0 SERVICIO MILITAR-Exenciones previstas en la ley\u00a0 \u00a0 DESOBEDIENCIA-Legitimidad \u00a0 DESOBEDIENCIA CIVIL Y OBJECION DE CONCIENCIA-Diferencia \u00a0 La objeci\u00f3n de conciencia es susceptible de ser analizada ...<br \/><div class=\"pt-cv-rmwrap\"><a href=\"https:\/\/www.dmsjuridica.com\/buscador_20179478954\/corteconstitucionalcronologico202454587\/t-603-12\/\" class=\"_self pt-cv-readmore btn btn-success\" target=\"_self\">Ver Sentencia Completa...<\/a><\/div><\/div><\/div><\/div>\n<div class=\"col-md-12 col-sm-12 col-xs-12 pt-cv-content-item pt-cv-1-col\" ><div class='pt-cv-ifield'><a href=\"https:\/\/www.dmsjuridica.com\/buscador_20179478954\/corteconstitucionalcronologico202454587\/t-602-12\/\" class=\"_self pt-cv-href-thumbnail pt-cv-thumb-default\" target=\"_self\" ><\/a>\n<div class=\"pt-cv-taxoterm above_title\"><a href='https:\/\/www.dmsjuridica.com\/buscador_20179478954\/corteconstitucionalcronologico202454587\/category\/buscar-en-toda-la-corte\/2012\/tutelas-2012\/' title='Tutelas 2012' class='pt-cv-tax-tutelas-2012'>Tutelas 2012<\/a><\/div>\n<h4 class=\"pt-cv-title\"><a href=\"https:\/\/www.dmsjuridica.com\/buscador_20179478954\/corteconstitucionalcronologico202454587\/t-602-12\/\" class=\"_self\" target=\"_self\" >T-602-12<\/a><\/h4>\n<div class=\"pt-cv-content\">\u00a0 \u00a0 Sentencia T-602\/12 \u00a0 (Bogot\u00e1, DC, 27 de julio) \u00a0 PRINCIPIO DE INMEDIATEZ COMO REQUISITO DE PROCEDIBILIDAD DE LA ACCION DE TUTELA-Debe ponderarse bajo el criterio del plazo razonable y oportuno \u00a0 ACCION DE TUTELA Y PRINCIPIO DE INMEDIATEZ-Excepciones para aceptar que se presente en un extenso espacio de tiempo entre vulneraci\u00f3n y presentaci\u00f3n \u00a0 PENSION DE VEJEZ, INVALIDEZ Y SOBREVIVIENTES-Imprescriptibilidad de derechos pensionales \u00a0 PRINCIPIO DE INMEDIATEZ EN LA ACCION DE TUTELA-Caso en que no se advierte la ocurrencia de un perjuicio irremediable para el demandante\u00a0 \u00a0 INDEMNIZACION SUSTITUTIVA DE PENSION DE VEJEZ-Improcedencia de reconocimiento por incumplir requisito ...<br \/><div class=\"pt-cv-rmwrap\"><a href=\"https:\/\/www.dmsjuridica.com\/buscador_20179478954\/corteconstitucionalcronologico202454587\/t-602-12\/\" class=\"_self pt-cv-readmore btn btn-success\" target=\"_self\">Ver Sentencia Completa...<\/a><\/div><\/div><\/div><\/div>\n<div class=\"col-md-12 col-sm-12 col-xs-12 pt-cv-content-item pt-cv-1-col\" ><div class='pt-cv-ifield'><a href=\"https:\/\/www.dmsjuridica.com\/buscador_20179478954\/corteconstitucionalcronologico202454587\/t-601-12\/\" class=\"_self pt-cv-href-thumbnail pt-cv-thumb-default\" target=\"_self\" ><\/a>\n<div class=\"pt-cv-taxoterm above_title\"><a href='https:\/\/www.dmsjuridica.com\/buscador_20179478954\/corteconstitucionalcronologico202454587\/category\/buscar-en-toda-la-corte\/2012\/tutelas-2012\/' title='Tutelas 2012' class='pt-cv-tax-tutelas-2012'>Tutelas 2012<\/a><\/div>\n<h4 class=\"pt-cv-title\"><a href=\"https:\/\/www.dmsjuridica.com\/buscador_20179478954\/corteconstitucionalcronologico202454587\/t-601-12\/\" class=\"_self\" target=\"_self\" >T-601-12<\/a><\/h4>\n<div class=\"pt-cv-content\">\u00a0 \u00a0 Sentencia T-601\/12 \u00a0 (Bogot\u00e1, DC, julio 27) \u00a0 DERECHO A LA EDUCACION DE NI\u00d1OS, NI\u00d1AS Y ADOLESCENTES-Protecci\u00f3n \u00a0 El derecho fundamental a la educaci\u00f3n comprende cuatro dimensiones: (i) disponibilidad, que consiste en la existencia de los medios para que se satisfaga la demanda educativa de las personas, como por ejemplo escuelas, docentes calificados, materiales de ense\u00f1anza, entre otros; (ii) accesibilidad, que pone en cabeza del Estado el deber de garantizar en los ni\u00f1os el ingreso a la educaci\u00f3n b\u00e1sica, de manera obligatoria y gratuita; (iii) permanencia en el sistema educativo, que protege el derecho a conservar la educaci\u00f3n ...<br \/><div class=\"pt-cv-rmwrap\"><a href=\"https:\/\/www.dmsjuridica.com\/buscador_20179478954\/corteconstitucionalcronologico202454587\/t-601-12\/\" class=\"_self pt-cv-readmore btn btn-success\" target=\"_self\">Ver Sentencia Completa...<\/a><\/div><\/div><\/div><\/div>\n<div class=\"col-md-12 col-sm-12 col-xs-12 pt-cv-content-item pt-cv-1-col\" ><div class='pt-cv-ifield'><a href=\"https:\/\/www.dmsjuridica.com\/buscador_20179478954\/corteconstitucionalcronologico202454587\/t-600-12\/\" class=\"_self pt-cv-href-thumbnail pt-cv-thumb-default\" target=\"_self\" ><\/a>\n<div class=\"pt-cv-taxoterm above_title\"><a href='https:\/\/www.dmsjuridica.com\/buscador_20179478954\/corteconstitucionalcronologico202454587\/category\/buscar-en-toda-la-corte\/2012\/tutelas-2012\/' title='Tutelas 2012' class='pt-cv-tax-tutelas-2012'>Tutelas 2012<\/a><\/div>\n<h4 class=\"pt-cv-title\"><a href=\"https:\/\/www.dmsjuridica.com\/buscador_20179478954\/corteconstitucionalcronologico202454587\/t-600-12\/\" class=\"_self\" target=\"_self\" >T-600-12<\/a><\/h4>\n<div class=\"pt-cv-content\">\u00a0 \u00a0 Sentencia T-600\/12 \u00a0 PROTECCION CONSTITUCIONAL ESPECIAL DE PERSONAS PORTADORAS DE VIH\/SIDA-Reiteraci\u00f3n de jurisprudencia \u00a0 La Corte ha determinado que las personas enfermas de VIH, son sujetos de especial protecci\u00f3n constitucional dado que \u201c[S]u enfermedad los hace particularmente vulnerables a todo tipo de segregaci\u00f3n social, sexual, econ\u00f3mica y laboral, convirti\u00e9ndolos en una poblaci\u00f3n propensa a ver vulnerada su dignidad y sus derechos a la igualdad, intimidad, salud, seguridad social y trabajo\u201d. Esta Corte en distintas sentencias, ha indicado la necesidad de brindar un trato especial a las personas que padecen enfermedades catastr\u00f3ficas o ruinosas, como el SIDA, \u00a0y ha ...<br \/><div class=\"pt-cv-rmwrap\"><a href=\"https:\/\/www.dmsjuridica.com\/buscador_20179478954\/corteconstitucionalcronologico202454587\/t-600-12\/\" class=\"_self pt-cv-readmore btn btn-success\" target=\"_self\">Ver Sentencia Completa...<\/a><\/div><\/div><\/div><\/div>\n<div class=\"col-md-12 col-sm-12 col-xs-12 pt-cv-content-item pt-cv-1-col\" ><div class='pt-cv-ifield'><a href=\"https:\/\/www.dmsjuridica.com\/buscador_20179478954\/corteconstitucionalcronologico202454587\/t-599-12\/\" class=\"_self pt-cv-href-thumbnail pt-cv-thumb-default\" target=\"_self\" ><\/a>\n<div class=\"pt-cv-taxoterm above_title\"><a href='https:\/\/www.dmsjuridica.com\/buscador_20179478954\/corteconstitucionalcronologico202454587\/category\/buscar-en-toda-la-corte\/2012\/tutelas-2012\/' title='Tutelas 2012' class='pt-cv-tax-tutelas-2012'>Tutelas 2012<\/a><\/div>\n<h4 class=\"pt-cv-title\"><a href=\"https:\/\/www.dmsjuridica.com\/buscador_20179478954\/corteconstitucionalcronologico202454587\/t-599-12\/\" class=\"_self\" target=\"_self\" >T-599-12<\/a><\/h4>\n<div class=\"pt-cv-content\">\u00a0 \u00a0 Sentencia T-599\/12 \u00a0 ACCION DE TUTELA PARA RECONOCIMIENTO DE PENSION DE INVALIDEZ-Procedencia excepcional \u00a0 ACCION DE TUTELA PARA RECONOCIMIENTO DE PENSION DE INVALIDEZ-Procedencia para proteger derechos fundamentales al m\u00ednimo vital y a la seguridad social \u00a0 En este caso dos aspectos le permiten concluir a la Sala que los medios de defensa ordinario son ineficaces: (i) el accionante hace parte de un grupo de especial protecci\u00f3n constitucional por las disminuciones f\u00edsicas que padece, que inclusive lo llevaron a ser calificado con un 62.65% de invalidez; (ii) y carecer de un ingreso pone en riesgo su capacidad para brindarle ...<br \/><div class=\"pt-cv-rmwrap\"><a href=\"https:\/\/www.dmsjuridica.com\/buscador_20179478954\/corteconstitucionalcronologico202454587\/t-599-12\/\" class=\"_self pt-cv-readmore btn btn-success\" target=\"_self\">Ver Sentencia Completa...<\/a><\/div><\/div><\/div><\/div>\n<div class=\"col-md-12 col-sm-12 col-xs-12 pt-cv-content-item pt-cv-1-col\" ><div class='pt-cv-ifield'><a href=\"https:\/\/www.dmsjuridica.com\/buscador_20179478954\/corteconstitucionalcronologico202454587\/t-598-12\/\" class=\"_self pt-cv-href-thumbnail pt-cv-thumb-default\" target=\"_self\" ><\/a>\n<div class=\"pt-cv-taxoterm above_title\"><a href='https:\/\/www.dmsjuridica.com\/buscador_20179478954\/corteconstitucionalcronologico202454587\/category\/buscar-en-toda-la-corte\/2012\/tutelas-2012\/' title='Tutelas 2012' class='pt-cv-tax-tutelas-2012'>Tutelas 2012<\/a><\/div>\n<h4 class=\"pt-cv-title\"><a href=\"https:\/\/www.dmsjuridica.com\/buscador_20179478954\/corteconstitucionalcronologico202454587\/t-598-12\/\" class=\"_self\" target=\"_self\" >T-598-12<\/a><\/h4>\n<div class=\"pt-cv-content\">\u00a0 \u00a0 Sentencia T-598\/12 \u00a0 ESTABILIDAD LABORAL REFORZADA DE MUJER TRABAJADORA EMBARAZADA-Presupuestos para la procedencia de la acci\u00f3n de tutela\u00a0 \u00a0 De acuerdo con el art\u00edculo 86 de la Constituci\u00f3n Pol\u00edtica, y el art\u00edculo 6\u00ba del Decreto 2591 de 1991, la acci\u00f3n de tutela procede como mecanismo de protecci\u00f3n de los derechos fundamentales (i) cuando no existen otros medios de defensa judicial del derecho; (ii) cuando existen tales medios, pero no son eficaces o id\u00f3neos para salvaguardar el inter\u00e9s iusfundamental, en atenci\u00f3n a las circunstancias del caso concreto y las condiciones personales del peticionario; o (iii) cuando sea imprescindible la ...<br \/><div class=\"pt-cv-rmwrap\"><a href=\"https:\/\/www.dmsjuridica.com\/buscador_20179478954\/corteconstitucionalcronologico202454587\/t-598-12\/\" class=\"_self pt-cv-readmore btn btn-success\" target=\"_self\">Ver Sentencia Completa...<\/a><\/div><\/div><\/div><\/div>\n<div class=\"col-md-12 col-sm-12 col-xs-12 pt-cv-content-item pt-cv-1-col\" ><div class='pt-cv-ifield'><a href=\"https:\/\/www.dmsjuridica.com\/buscador_20179478954\/corteconstitucionalcronologico202454587\/t-597-12\/\" class=\"_self pt-cv-href-thumbnail pt-cv-thumb-default\" target=\"_self\" ><\/a>\n<div class=\"pt-cv-taxoterm above_title\"><a href='https:\/\/www.dmsjuridica.com\/buscador_20179478954\/corteconstitucionalcronologico202454587\/category\/buscar-en-toda-la-corte\/2012\/tutelas-2012\/' title='Tutelas 2012' class='pt-cv-tax-tutelas-2012'>Tutelas 2012<\/a><\/div>\n<h4 class=\"pt-cv-title\"><a href=\"https:\/\/www.dmsjuridica.com\/buscador_20179478954\/corteconstitucionalcronologico202454587\/t-597-12\/\" class=\"_self\" target=\"_self\" >T-597-12<\/a><\/h4>\n<div class=\"pt-cv-content\">\u00a0 \u00a0 Sentencia T-597\/12 \u00a0 ACCION DE TUTELA-Procedencia \u00a0 PERJUICIO IRREMEDIABLE-Caracter\u00edsticas \u00a0 ACCION DE TUTELA PARA RECONOCIMIENTO DE PENSION DE INVALIDEZ-Procedencia para evitar un perjuicio irremediable \u00a0 ACCION DE TUTELA DE PERSONA EN ESTADO DE DEBILIDAD MANIFIESTA-No se puede exigir haber agotado la v\u00eda gubernativa \u00a0 DERECHO AL MINIMO VITAL Y SEGURIDAD SOCIAL-Vulneraci\u00f3n por denegar reconocimiento de la pensi\u00f3n de invalidez al no acreditar requisito de fidelidad al sistema a pesar de haber sido declarado inexequible mediante sentencia C-428\/09 \u00a0 PENSION DE INVALIDEZ Y REQUISITO DE FIDELIDAD-Reiteraci\u00f3n de jurisprudencia \u00a0 PRINCIPIOS DE IGUALDAD, CONFIANZA LEGITIMA Y BUENA FE-Obligaci\u00f3n de autoridades ...<br \/><div class=\"pt-cv-rmwrap\"><a href=\"https:\/\/www.dmsjuridica.com\/buscador_20179478954\/corteconstitucionalcronologico202454587\/t-597-12\/\" class=\"_self pt-cv-readmore btn btn-success\" target=\"_self\">Ver Sentencia Completa...<\/a><\/div><\/div><\/div><\/div>\n<div class=\"col-md-12 col-sm-12 col-xs-12 pt-cv-content-item pt-cv-1-col\" ><div class='pt-cv-ifield'><a href=\"https:\/\/www.dmsjuridica.com\/buscador_20179478954\/corteconstitucionalcronologico202454587\/t-596-12\/\" class=\"_self pt-cv-href-thumbnail pt-cv-thumb-default\" target=\"_self\" ><\/a>\n<div class=\"pt-cv-taxoterm above_title\"><a href='https:\/\/www.dmsjuridica.com\/buscador_20179478954\/corteconstitucionalcronologico202454587\/category\/buscar-en-toda-la-corte\/2012\/tutelas-2012\/' title='Tutelas 2012' class='pt-cv-tax-tutelas-2012'>Tutelas 2012<\/a><\/div>\n<h4 class=\"pt-cv-title\"><a href=\"https:\/\/www.dmsjuridica.com\/buscador_20179478954\/corteconstitucionalcronologico202454587\/t-596-12\/\" class=\"_self\" target=\"_self\" >T-596-12<\/a><\/h4>\n<div class=\"pt-cv-content\">\u00a0 \u00a0 Sentencia T-596\/12 \u00a0 ACCION DE TUTELA CONTRA PARTICULARES-Procedencia excepcional \u00a0 ACCION DE TUTELA CONTRA PARTICULARES Y ESTADO DE INDEFENSION \u00a0 DERECHO A LA VIVIENDA DIGNA-Acci\u00f3n de tutela como mecanismo de protecci\u00f3n \u00a0 DERECHO A LA VIVIENDA DIGNA-Afectaci\u00f3n por obras adelantadas por Concesi\u00f3n Vial para construcci\u00f3n de corredor de carga en v\u00eda p\u00fablica \u00a0 ACCION DE TUTELA CONTRA CONCESION VIAL-Terminaci\u00f3n acuerdo indemnizatorio para erradicar acumulaci\u00f3n de aguas y ejecuci\u00f3n de obras y resanes en estructura de vivienda por construcci\u00f3n de corredor de carga en v\u00eda p\u00fablica \u00a0 Referencia: expediente T-3411105. \u00a0 Acci\u00f3n de tutela instaurada por Candelario Arg\u00e1ez Sabay\u00e9, ...<br \/><div class=\"pt-cv-rmwrap\"><a href=\"https:\/\/www.dmsjuridica.com\/buscador_20179478954\/corteconstitucionalcronologico202454587\/t-596-12\/\" class=\"_self pt-cv-readmore btn btn-success\" target=\"_self\">Ver Sentencia Completa...<\/a><\/div><\/div><\/div><\/div>\n<div class=\"col-md-12 col-sm-12 col-xs-12 pt-cv-content-item pt-cv-1-col\" ><div class='pt-cv-ifield'><a href=\"https:\/\/www.dmsjuridica.com\/buscador_20179478954\/corteconstitucionalcronologico202454587\/t-595-12\/\" class=\"_self pt-cv-href-thumbnail pt-cv-thumb-default\" target=\"_self\" ><\/a>\n<div class=\"pt-cv-taxoterm above_title\"><a href='https:\/\/www.dmsjuridica.com\/buscador_20179478954\/corteconstitucionalcronologico202454587\/category\/buscar-en-toda-la-corte\/2012\/tutelas-2012\/' title='Tutelas 2012' class='pt-cv-tax-tutelas-2012'>Tutelas 2012<\/a><\/div>\n<h4 class=\"pt-cv-title\"><a href=\"https:\/\/www.dmsjuridica.com\/buscador_20179478954\/corteconstitucionalcronologico202454587\/t-595-12\/\" class=\"_self\" target=\"_self\" >T-595-12<\/a><\/h4>\n<div class=\"pt-cv-content\">\u00a0 \u00a0 Sentencia T-595\/12 \u00a0 ACCION DE TUTELA DE PERSONA DE ESPECIAL PROTECCION CONSTITUCIONAL-Procedencia excepcional \u00a0 PRINCIPIO DE IGUALDAD MATERIAL-Tratamiento preferencial de personas en situaci\u00f3n de vulnerabilidad \u00a0 PACTO INTERNACIONAL DE DERECHOS ECONOMICOS, SOCIALES Y CULTURALES EN MATERIA DE DISCAPACIDAD-Protecci\u00f3n de personas en estado de invalidez \u00a0 DISCAPACIDAD E INVALIDEZ-Diferencia \u00a0 ACCION DE TUTELA-Reconocimiento excepcional de prestaciones sociales \u00a0 DERECHO A LA PENSION DE PERSONAS CON DISCAPACIDAD-Procedencia de la acci\u00f3n de tutela \u00a0 DERECHO A LA PENSION-Fundamental cuando est\u00e1 \u00edntimamente relacionado con la vida, integridad f\u00edsica, trabajo y m\u00ednimo vital \u00a0 DERECHO A LA PENSION DE INVALIDEZ-Marco legal \u00a0 DERECHO ...<br \/><div class=\"pt-cv-rmwrap\"><a href=\"https:\/\/www.dmsjuridica.com\/buscador_20179478954\/corteconstitucionalcronologico202454587\/t-595-12\/\" class=\"_self pt-cv-readmore btn btn-success\" target=\"_self\">Ver Sentencia Completa...<\/a><\/div><\/div><\/div><\/div>\n<div class=\"col-md-12 col-sm-12 col-xs-12 pt-cv-content-item pt-cv-1-col\" ><div class='pt-cv-ifield'><a href=\"https:\/\/www.dmsjuridica.com\/buscador_20179478954\/corteconstitucionalcronologico202454587\/t-594-12\/\" class=\"_self pt-cv-href-thumbnail pt-cv-thumb-default\" target=\"_self\" ><\/a>\n<div class=\"pt-cv-taxoterm above_title\"><a href='https:\/\/www.dmsjuridica.com\/buscador_20179478954\/corteconstitucionalcronologico202454587\/category\/buscar-en-toda-la-corte\/2012\/tutelas-2012\/' title='Tutelas 2012' class='pt-cv-tax-tutelas-2012'>Tutelas 2012<\/a><\/div>\n<h4 class=\"pt-cv-title\"><a href=\"https:\/\/www.dmsjuridica.com\/buscador_20179478954\/corteconstitucionalcronologico202454587\/t-594-12\/\" class=\"_self\" target=\"_self\" >T-594-12<\/a><\/h4>\n<div class=\"pt-cv-content\">\u00a0 \u00a0 Sentencia T-594\/12 \u00a0 ACCION DE TUTELA CONTRA PARTICULARES-Procedencia excepcional \u00a0 ACCION DE TUTELA PARA OBTENER REINTEGRO LABORAL-Improcedencia \u00a0 ACCION DE TUTELA DE PERSONA EN CONDICIONES DE DEBILIDAD MANIFIESTA Y ESTABILIDAD LABORAL REFORZADA-Protecci\u00f3n \u00a0 ESTABILIDAD LABORAL REFORZADA DE TRABAJADOR CON DICAPACIDAD-Reintegro por despido sin autorizaci\u00f3n previa del Ministerio de Trabajo \u00a0 TRABAJADOR EN SITUACION DE DICAPACIDAD-Protecci\u00f3n laboral reforzada \u00a0 IGUALDAD FORMAL E IGUALDAD SUSTANCIAL-Naturaleza \u00a0 PROTECCION LABORAL REFORZADA DURANTE PERIODO DE INCAPACIDAD-Facultad limitada para despido de trabajador con incapacidad superior a 180 d\u00edas \u00a0 ESTABILIDAD LABORAL DE TRABAJADOR CON INCAPACIDAD HASTA DE 180 DIAS-Proscripci\u00f3n de terminaci\u00f3n de contrato de ...<br \/><div class=\"pt-cv-rmwrap\"><a href=\"https:\/\/www.dmsjuridica.com\/buscador_20179478954\/corteconstitucionalcronologico202454587\/t-594-12\/\" class=\"_self pt-cv-readmore btn btn-success\" target=\"_self\">Ver Sentencia Completa...<\/a><\/div><\/div><\/div><\/div>\n<div class=\"col-md-12 col-sm-12 col-xs-12 pt-cv-content-item pt-cv-1-col\" ><div class='pt-cv-ifield'><a href=\"https:\/\/www.dmsjuridica.com\/buscador_20179478954\/corteconstitucionalcronologico202454587\/t-587-12\/\" class=\"_self pt-cv-href-thumbnail pt-cv-thumb-default\" target=\"_self\" ><\/a>\n<div class=\"pt-cv-taxoterm above_title\"><a href='https:\/\/www.dmsjuridica.com\/buscador_20179478954\/corteconstitucionalcronologico202454587\/category\/buscar-en-toda-la-corte\/2012\/tutelas-2012\/' title='Tutelas 2012' class='pt-cv-tax-tutelas-2012'>Tutelas 2012<\/a><\/div>\n<h4 class=\"pt-cv-title\"><a href=\"https:\/\/www.dmsjuridica.com\/buscador_20179478954\/corteconstitucionalcronologico202454587\/t-587-12\/\" class=\"_self\" target=\"_self\" >T-587-12<\/a><\/h4>\n<div class=\"pt-cv-content\">\u00a0 \u00a0 Sentencia T-587\/12 \u00a0 ACCION DE TUTELA EN MATERIA DE ESTABILIDAD LABORAL FRENTE A GRUPOS VULNERABLES-Protecci\u00f3n excepcional \u00a0 \u00a0 \u00a0 ACCION DE TUTELA PARA OBTENER REINTEGRO LABORAL-Procedencia excepcional \u00a0 \u00a0 \u00a0 PRINCIPIO DE ESTABILIDAD LABORAL-Car\u00e1cter fundamental y relativo \u00a0 \u00a0 \u00a0 ESTABILIDAD LABORAL REFORZADA-Protecci\u00f3n a sujetos en situaci\u00f3n de debilidad manifiesta \u00a0 \u00a0 \u00a0 SEGURIDAD SOCIAL DE TRABAJADOR QUE SUFRE ENFERMEDAD QUE LO IMPOSIBILITA PARA TRABAJAR TEMPORAL O PERMANENTEMENTE-Garant\u00eda constitucional desarrollada por la Ley 100\/93 \u00a0 \u00a0 \u00a0 ESTABILIDAD LABORAL-Respeto al principio de legalidad y garant\u00eda del debido proceso \u00a0 \u00a0 \u00a0 ESTABILIDAD LABORAL DE PERSONAS DISCAPACITADAS-Reglas jurisprudenciales \u00a0 ...<br \/><div class=\"pt-cv-rmwrap\"><a href=\"https:\/\/www.dmsjuridica.com\/buscador_20179478954\/corteconstitucionalcronologico202454587\/t-587-12\/\" class=\"_self pt-cv-readmore btn btn-success\" target=\"_self\">Ver Sentencia Completa...<\/a><\/div><\/div><\/div><\/div>\n<div class=\"col-md-12 col-sm-12 col-xs-12 pt-cv-content-item pt-cv-1-col\" ><div class='pt-cv-ifield'><a href=\"https:\/\/www.dmsjuridica.com\/buscador_20179478954\/corteconstitucionalcronologico202454587\/t-586-12\/\" class=\"_self pt-cv-href-thumbnail pt-cv-thumb-default\" target=\"_self\" ><\/a>\n<div class=\"pt-cv-taxoterm above_title\"><a href='https:\/\/www.dmsjuridica.com\/buscador_20179478954\/corteconstitucionalcronologico202454587\/category\/buscar-en-toda-la-corte\/2012\/tutelas-2012\/' title='Tutelas 2012' class='pt-cv-tax-tutelas-2012'>Tutelas 2012<\/a><\/div>\n<h4 class=\"pt-cv-title\"><a href=\"https:\/\/www.dmsjuridica.com\/buscador_20179478954\/corteconstitucionalcronologico202454587\/t-586-12\/\" class=\"_self\" target=\"_self\" >T-586-12<\/a><\/h4>\n<div class=\"pt-cv-content\">ACCION DE TUTELA CONTRA PROVIDENCIAS JUDICIALES-Procedencia excepcional \u00a0 \u00a0 \u00a0 ACCION DE TUTELA CONTRA PROVIDENCIAS JUDICIALES-Requisitos generales o formales de procedencia \u00a0 \u00a0 \u00a0 ACCION DE TUTELA CONTRA PROVIDENCIAS JUDICIALES-Requisitos especiales de procedibilidad \u00a0 \u00a0 \u00a0 ACCION DE TUTELA CONTRA PROVIDENCIAS JUDICIALES-Relevancia constitucional \u00a0 \u00a0 \u00a0 ACCION DE TUTELA CONTRA PROVIDENCIAS JUDICIALES EN MATERIA DE RECONOCIMIENTO DE INTERES MORATORIO-Improcedencia al no ser asunto de relevancia constitucional \u00a0 \u00a0 \u00a0 ACCION DE TUTELA CONTRA PROVIDENCIAS JUDICIALES-Irregularidad procesal debe tener efecto decisivo o determinante en la sentencia que se impugna \u00a0 \u00a0 \u00a0 AUTONOMIA JUDICIAL-Observancia del debido proceso \u00a0 \u00a0 \u00a0 INTERES ...<br \/><div class=\"pt-cv-rmwrap\"><a href=\"https:\/\/www.dmsjuridica.com\/buscador_20179478954\/corteconstitucionalcronologico202454587\/t-586-12\/\" class=\"_self pt-cv-readmore btn btn-success\" target=\"_self\">Ver Sentencia Completa...<\/a><\/div><\/div><\/div><\/div>\n<div class=\"col-md-12 col-sm-12 col-xs-12 pt-cv-content-item pt-cv-1-col\" ><div class='pt-cv-ifield'><a href=\"https:\/\/www.dmsjuridica.com\/buscador_20179478954\/corteconstitucionalcronologico202454587\/t-585-12\/\" class=\"_self pt-cv-href-thumbnail pt-cv-thumb-default\" target=\"_self\" ><\/a>\n<div class=\"pt-cv-taxoterm above_title\"><a href='https:\/\/www.dmsjuridica.com\/buscador_20179478954\/corteconstitucionalcronologico202454587\/category\/buscar-en-toda-la-corte\/2012\/tutelas-2012\/' title='Tutelas 2012' class='pt-cv-tax-tutelas-2012'>Tutelas 2012<\/a><\/div>\n<h4 class=\"pt-cv-title\"><a href=\"https:\/\/www.dmsjuridica.com\/buscador_20179478954\/corteconstitucionalcronologico202454587\/t-585-12\/\" class=\"_self\" target=\"_self\" >T-585-12<\/a><\/h4>\n<div class=\"pt-cv-content\">\u00a0 \u00a0 Sentencia T-585\/12 \u00a0 ACCION DE TUTELA CONTRA CAPRECOM EPS-Solicitud de liberar n\u00famero de cedula de ciudadan\u00eda que aparece registrado a nombre de detenido en establecimiento carcelario inscrito por el Inpec para acceder a servicios de salud \u00a0 DERECHO A LA SALUD-Alcance \u00a0 DERECHO A LA SALUD-Fundamental \u00a0 PERSONA EN CIRCUNSTANCIAS DE DEBILIDAD MANIFIESTA-Protecci\u00f3n constitucional \u00a0 DERECHO A LA SALUD-Elementos esenciales \u00a0 DERECHO AL HABEAS DATA-Alcance \u00a0 DERECHO A LA INTIMIDAD-Ambito internacional \u00a0 DERECHO AL HABEAS DATA-Contenido aut\u00f3nomo \u00a0 PROTECCION DE DATOS PERSONALES Y DERECHO A LA INTIMIDAD-Pautas seg\u00fan el Comit\u00e9 de Derechos Humanos \u00a0 DERECHO AL HABEAS DATA-Fundamental ...<br \/><div class=\"pt-cv-rmwrap\"><a href=\"https:\/\/www.dmsjuridica.com\/buscador_20179478954\/corteconstitucionalcronologico202454587\/t-585-12\/\" class=\"_self pt-cv-readmore btn btn-success\" target=\"_self\">Ver Sentencia Completa...<\/a><\/div><\/div><\/div><\/div>\n<div class=\"col-md-12 col-sm-12 col-xs-12 pt-cv-content-item pt-cv-1-col\" ><div class='pt-cv-ifield'><a href=\"https:\/\/www.dmsjuridica.com\/buscador_20179478954\/corteconstitucionalcronologico202454587\/t-584-12\/\" class=\"_self pt-cv-href-thumbnail pt-cv-thumb-default\" target=\"_self\" ><\/a>\n<div class=\"pt-cv-taxoterm above_title\"><a href='https:\/\/www.dmsjuridica.com\/buscador_20179478954\/corteconstitucionalcronologico202454587\/category\/buscar-en-toda-la-corte\/2012\/tutelas-2012\/' title='Tutelas 2012' class='pt-cv-tax-tutelas-2012'>Tutelas 2012<\/a><\/div>\n<h4 class=\"pt-cv-title\"><a href=\"https:\/\/www.dmsjuridica.com\/buscador_20179478954\/corteconstitucionalcronologico202454587\/t-584-12\/\" class=\"_self\" target=\"_self\" >T-584-12<\/a><\/h4>\n<div class=\"pt-cv-content\">\u00a0 \u00a0 Sentencia T-584\/12 \u00a0 PRINCIPIO DE SUBSIDIARIEDAD COMO REQUISITO DE PROCEDIBILIDAD DE LA ACCION DE TUTELA-Reiteraci\u00f3n de jurisprudencia \u00a0 ACCION DE TUTELA, ACCIONES POPULARES Y ACCIONES DE GRUPO-Mecanismos diferentes para la protecci\u00f3n de derechos fundamentales y derechos colectivos \u00a0 ACCION DE TUTELA-Procedencia ante vulneraci\u00f3n de un derecho colectivo y violaci\u00f3n o amenaza a un derecho fundamental \u00a0 ACCION DE TUTELA-Requisitos para su procedencia como mecanismo de protecci\u00f3n de derechos colectivos en conexidad con derechos fundamentales \u00a0 ACCION DE TUTELA CONTRA ECOPETROL-Caso en que accionante ve vulnerados sus derechos a la salud y agua potable por contaminaci\u00f3n de agua para ...<br \/><div class=\"pt-cv-rmwrap\"><a href=\"https:\/\/www.dmsjuridica.com\/buscador_20179478954\/corteconstitucionalcronologico202454587\/t-584-12\/\" class=\"_self pt-cv-readmore btn btn-success\" target=\"_self\">Ver Sentencia Completa...<\/a><\/div><\/div><\/div><\/div>\n<div class=\"col-md-12 col-sm-12 col-xs-12 pt-cv-content-item pt-cv-1-col\" ><div class='pt-cv-ifield'><a href=\"https:\/\/www.dmsjuridica.com\/buscador_20179478954\/corteconstitucionalcronologico202454587\/t-583-12\/\" class=\"_self pt-cv-href-thumbnail pt-cv-thumb-default\" target=\"_self\" ><\/a>\n<div class=\"pt-cv-taxoterm above_title\"><a href='https:\/\/www.dmsjuridica.com\/buscador_20179478954\/corteconstitucionalcronologico202454587\/category\/buscar-en-toda-la-corte\/2012\/tutelas-2012\/' title='Tutelas 2012' class='pt-cv-tax-tutelas-2012'>Tutelas 2012<\/a><\/div>\n<h4 class=\"pt-cv-title\"><a href=\"https:\/\/www.dmsjuridica.com\/buscador_20179478954\/corteconstitucionalcronologico202454587\/t-583-12\/\" class=\"_self\" target=\"_self\" >T-583-12<\/a><\/h4>\n<div class=\"pt-cv-content\">\u00a0 \u00a0 Sentencia T-583\/12 \u00a0 ACCION DE TUTELA CONTRA PROVIDENCIAS JUDICIALES-Procedencia excepcional \u00a0 ACCION DE TUTELA CONTRA PROVIDENCIAS JUDICIALES-Requisitos generales de procedencia \u00a0 ACCION DE TUTELA CONTRA PROVIDENCIAS JUDICIALES-Requisitos especiales de procedibilidad \u00a0 ACCION DE TUTELA CONTRA PROVIDENCIAS JUDICIALES-Defecto f\u00e1ctico como causal especial de procedibilidad \u00a0 ACCION DE TUTELA CONTRA PROVIDENCIAS JUDICIALES-Defecto f\u00e1ctico por omisi\u00f3n y por acci\u00f3n \u00a0 ACCION DE TUTELA CONTRA FISCALIA DELEGADA-Improcedencia por existir otros medios de defensa judicial para solicitar la valoraci\u00f3n de nueva prueba en proceso penal \u00a0 Referencia: expediente \u00a0T- 3363582 \u00a0 Acci\u00f3n de Tutela instaurada por Juan Pablo Casta\u00f1o Gonz\u00e1lez contra el Juzgado ...<br \/><div class=\"pt-cv-rmwrap\"><a href=\"https:\/\/www.dmsjuridica.com\/buscador_20179478954\/corteconstitucionalcronologico202454587\/t-583-12\/\" class=\"_self pt-cv-readmore btn btn-success\" target=\"_self\">Ver Sentencia Completa...<\/a><\/div><\/div><\/div><\/div>\n<div class=\"col-md-12 col-sm-12 col-xs-12 pt-cv-content-item pt-cv-1-col\" ><div class='pt-cv-ifield'><a href=\"https:\/\/www.dmsjuridica.com\/buscador_20179478954\/corteconstitucionalcronologico202454587\/t-582-12\/\" class=\"_self pt-cv-href-thumbnail pt-cv-thumb-default\" target=\"_self\" ><\/a>\n<div class=\"pt-cv-taxoterm above_title\"><a href='https:\/\/www.dmsjuridica.com\/buscador_20179478954\/corteconstitucionalcronologico202454587\/category\/buscar-en-toda-la-corte\/2012\/tutelas-2012\/' title='Tutelas 2012' class='pt-cv-tax-tutelas-2012'>Tutelas 2012<\/a><\/div>\n<h4 class=\"pt-cv-title\"><a href=\"https:\/\/www.dmsjuridica.com\/buscador_20179478954\/corteconstitucionalcronologico202454587\/t-582-12\/\" class=\"_self\" target=\"_self\" >T-582-12<\/a><\/h4>\n<div class=\"pt-cv-content\">\u00a0 \u00a0 Sentencia T-582\/12 \u00a0 ACCION DE TUTELA CONTRA PROVIDENCIAS JUDICIALES-Reiteraci\u00f3n de jurisprudencia sobre requisitos generales y especiales de procedibilidad \u00a0 ACCION DE TUTELA CONTRA PROVIDENCIAS JUDICIALES-Clases de defectos\u00a0 \u00a0 EXPROPIACION POR MOTIVOS DE UTILIDAD PUBLICA O INTERES SOCIAL \u00a0 EXPROPIACION-Definici\u00f3n \u00a0 La corte ha comprendido la expropiaci\u00f3n como una operaci\u00f3n de derecho p\u00fablico por la cual el Estado obliga a un particular a cumplir la tradici\u00f3n del dominio privado al dominio p\u00fablico de un bien en beneficio de la comunidad y mediante una indemnizaci\u00f3n previa. \u00a0 EXPROPIACION JUDICIAL-Particularidades del procedimiento \u00a0 AVALUO COMERCIAL DE INMUEBLE OBJETO DE EXPROPIACION-Se deben ...<br \/><div class=\"pt-cv-rmwrap\"><a href=\"https:\/\/www.dmsjuridica.com\/buscador_20179478954\/corteconstitucionalcronologico202454587\/t-582-12\/\" class=\"_self pt-cv-readmore btn btn-success\" target=\"_self\">Ver Sentencia Completa...<\/a><\/div><\/div><\/div><\/div>\n<div class=\"col-md-12 col-sm-12 col-xs-12 pt-cv-content-item pt-cv-1-col\" ><div class='pt-cv-ifield'><a href=\"https:\/\/www.dmsjuridica.com\/buscador_20179478954\/corteconstitucionalcronologico202454587\/t-581-12\/\" class=\"_self pt-cv-href-thumbnail pt-cv-thumb-default\" target=\"_self\" ><\/a>\n<div class=\"pt-cv-taxoterm above_title\"><a href='https:\/\/www.dmsjuridica.com\/buscador_20179478954\/corteconstitucionalcronologico202454587\/category\/buscar-en-toda-la-corte\/2012\/tutelas-2012\/' title='Tutelas 2012' class='pt-cv-tax-tutelas-2012'>Tutelas 2012<\/a><\/div>\n<h4 class=\"pt-cv-title\"><a href=\"https:\/\/www.dmsjuridica.com\/buscador_20179478954\/corteconstitucionalcronologico202454587\/t-581-12\/\" class=\"_self\" target=\"_self\" >T-581-12<\/a><\/h4>\n<div class=\"pt-cv-content\">\u00a0 \u00a0 Sentencia T-581\/12 \u00a0 ACCION DE TUTELA CONTRA PROVIDENCIAS JUDICIALES-Reiteraci\u00f3n de jurisprudencia \u00a0 ACCION DE TUTELA CONTRA PROVIDENCIAS JUDICIALES-Requisitos generales de procedencia \u00a0 ACCION DE TUTELA CONTRA PROVIDENCIAS JUDICIALES Y PRINCIPIO DE INMEDIATEZ-Reiteraci\u00f3n de jurisprudencia \u00a0 ACCION DE TUTELA CONTRA PROVIDENCIAS JUDICIALES-Improcedencia por no cumplir requisito de inmediatez \u00a0 Referencia: expediente T- 3358915 \u00a0 Acci\u00f3n de tutela instaurada por la sociedad L\u00edneas A\u00e9reas del Norte de Colombia Ltda. contra la Secci\u00f3n Primera de la Sala de lo Contencioso Administrativo del Consejo de Estado.\u00a0 \u00a0 Magistrado Ponente: \u00a0 LUIS ERNESTO VARGAS SILVA\u00a0 \u00a0 Bogot\u00e1, D.C., diecinueve (19) de julio de ...<br \/><div class=\"pt-cv-rmwrap\"><a href=\"https:\/\/www.dmsjuridica.com\/buscador_20179478954\/corteconstitucionalcronologico202454587\/t-581-12\/\" class=\"_self pt-cv-readmore btn btn-success\" target=\"_self\">Ver Sentencia Completa...<\/a><\/div><\/div><\/div><\/div>\n<div class=\"col-md-12 col-sm-12 col-xs-12 pt-cv-content-item pt-cv-1-col\" ><div class='pt-cv-ifield'><a href=\"https:\/\/www.dmsjuridica.com\/buscador_20179478954\/corteconstitucionalcronologico202454587\/t-580-12\/\" class=\"_self pt-cv-href-thumbnail pt-cv-thumb-default\" target=\"_self\" ><\/a>\n<div class=\"pt-cv-taxoterm above_title\"><a href='https:\/\/www.dmsjuridica.com\/buscador_20179478954\/corteconstitucionalcronologico202454587\/category\/buscar-en-toda-la-corte\/2012\/tutelas-2012\/' title='Tutelas 2012' class='pt-cv-tax-tutelas-2012'>Tutelas 2012<\/a><\/div>\n<h4 class=\"pt-cv-title\"><a href=\"https:\/\/www.dmsjuridica.com\/buscador_20179478954\/corteconstitucionalcronologico202454587\/t-580-12\/\" class=\"_self\" target=\"_self\" >T-580-12<\/a><\/h4>\n<div class=\"pt-cv-content\">\u00a0 \u00a0 Sentencia T-580\/12 \u00a0 ACTUACION TEMERARIA EN TUTELA-Presentaci\u00f3n de varias tutelas conlleva al rechazo o decisi\u00f3n desfavorable conforme al art. 38 del Decreto 2591\/91 \u00a0 TEMERIDAD-Requisitos constitucionales para determinar su configuraci\u00f3n \u00a0 La jurisprudencia de esta Corporaci\u00f3n determin\u00f3 tres requisitos determinantes para considerar la configuraci\u00f3n de la temeridad: (i) que exista identidad en los procesos; (ii) que el caso no sea un caso excepcional expl\u00edcitamente determinado por la ley y\/o la jurisprudencia, como uno que no configura temeridad; (iii) y que de presentarse una demanda de tutela que pretenda ser distinta a una anterior con la que guarda identidad, ...<br \/><div class=\"pt-cv-rmwrap\"><a href=\"https:\/\/www.dmsjuridica.com\/buscador_20179478954\/corteconstitucionalcronologico202454587\/t-580-12\/\" class=\"_self pt-cv-readmore btn btn-success\" target=\"_self\">Ver Sentencia Completa...<\/a><\/div><\/div><\/div><\/div>\n<div class=\"col-md-12 col-sm-12 col-xs-12 pt-cv-content-item pt-cv-1-col\" ><div class='pt-cv-ifield'><a href=\"https:\/\/www.dmsjuridica.com\/buscador_20179478954\/corteconstitucionalcronologico202454587\/t-579-12\/\" class=\"_self pt-cv-href-thumbnail pt-cv-thumb-default\" target=\"_self\" ><\/a>\n<div class=\"pt-cv-taxoterm above_title\"><a href='https:\/\/www.dmsjuridica.com\/buscador_20179478954\/corteconstitucionalcronologico202454587\/category\/buscar-en-toda-la-corte\/2012\/tutelas-2012\/' title='Tutelas 2012' class='pt-cv-tax-tutelas-2012'>Tutelas 2012<\/a><\/div>\n<h4 class=\"pt-cv-title\"><a href=\"https:\/\/www.dmsjuridica.com\/buscador_20179478954\/corteconstitucionalcronologico202454587\/t-579-12\/\" class=\"_self\" target=\"_self\" >T-579-12<\/a><\/h4>\n<div class=\"pt-cv-content\">\u00a0 \u00a0 Sentencia T-579\/12 \u00a0 DEFINICION DE LA SITUACION MILITAR EN EL CASO DE LA POBLACION DESPLAZADA-Entrega de tarjeta militar provisional \u00a0 La Corte Constitucional, con el fin de solucionar los problemas de identificaci\u00f3n y registro de un alto n\u00famero de poblaci\u00f3n desplazada que, debido a la ausencia de documentos, no puede acceder a determinados bienes y servicios, declar\u00f3 a trav\u00e9s de Auto 008\/09 la persistencia del estado de cosas inconstitucional, y orden\u00f3, entre otras medidas: \u201cEl establecimiento de una estrategia para la soluci\u00f3n de la situaci\u00f3n militar y la provisi\u00f3n de la libreta militar sin costo para los hombres, ...<br \/><div class=\"pt-cv-rmwrap\"><a href=\"https:\/\/www.dmsjuridica.com\/buscador_20179478954\/corteconstitucionalcronologico202454587\/t-579-12\/\" class=\"_self pt-cv-readmore btn btn-success\" target=\"_self\">Ver Sentencia Completa...<\/a><\/div><\/div><\/div><\/div>\n<div class=\"col-md-12 col-sm-12 col-xs-12 pt-cv-content-item pt-cv-1-col\" ><div class='pt-cv-ifield'><a href=\"https:\/\/www.dmsjuridica.com\/buscador_20179478954\/corteconstitucionalcronologico202454587\/t-578-12\/\" class=\"_self pt-cv-href-thumbnail pt-cv-thumb-default\" target=\"_self\" ><\/a>\n<div class=\"pt-cv-taxoterm above_title\"><a href='https:\/\/www.dmsjuridica.com\/buscador_20179478954\/corteconstitucionalcronologico202454587\/category\/buscar-en-toda-la-corte\/2012\/tutelas-2012\/' title='Tutelas 2012' class='pt-cv-tax-tutelas-2012'>Tutelas 2012<\/a><\/div>\n<h4 class=\"pt-cv-title\"><a href=\"https:\/\/www.dmsjuridica.com\/buscador_20179478954\/corteconstitucionalcronologico202454587\/t-578-12\/\" class=\"_self\" target=\"_self\" >T-578-12<\/a><\/h4>\n<div class=\"pt-cv-content\">\u00a0 \u00a0 Sentencia T-578\/12 \u00a0 ACCION DE TUTELA PARA RECONOCIMIENTO Y PAGO DE PRESTACIONES SOCIALES-Procedencia excepcional a\u00fan cuando exista otro medio de defensa judicial o para evitar un perjuicio irremediable \u00a0 De conformidad con la jurisprudencia reiterada de esta Corporaci\u00f3n, la acci\u00f3n de tutela no procede, en principio, para ordenar el reconocimiento de prestaciones derivadas del derecho a la seguridad social, como la pensi\u00f3n de sobrevivientes o la asignaci\u00f3n de retiro. La raz\u00f3n para ello es el car\u00e1cter subsidiario que posee el mecanismo judicial previsto en el art\u00edculo 86 de la Constituci\u00f3n, pues el legislador ha establecido un escenario judicial ...<br \/><div class=\"pt-cv-rmwrap\"><a href=\"https:\/\/www.dmsjuridica.com\/buscador_20179478954\/corteconstitucionalcronologico202454587\/t-578-12\/\" class=\"_self pt-cv-readmore btn btn-success\" target=\"_self\">Ver Sentencia Completa...<\/a><\/div><\/div><\/div><\/div>\n<div class=\"col-md-12 col-sm-12 col-xs-12 pt-cv-content-item pt-cv-1-col\" ><div class='pt-cv-ifield'><a href=\"https:\/\/www.dmsjuridica.com\/buscador_20179478954\/corteconstitucionalcronologico202454587\/t-577-12\/\" class=\"_self pt-cv-href-thumbnail pt-cv-thumb-default\" target=\"_self\" ><\/a>\n<div class=\"pt-cv-taxoterm above_title\"><a href='https:\/\/www.dmsjuridica.com\/buscador_20179478954\/corteconstitucionalcronologico202454587\/category\/buscar-en-toda-la-corte\/2012\/tutelas-2012\/' title='Tutelas 2012' class='pt-cv-tax-tutelas-2012'>Tutelas 2012<\/a><\/div>\n<h4 class=\"pt-cv-title\"><a href=\"https:\/\/www.dmsjuridica.com\/buscador_20179478954\/corteconstitucionalcronologico202454587\/t-577-12\/\" class=\"_self\" target=\"_self\" >T-577-12<\/a><\/h4>\n<div class=\"pt-cv-content\">\u00a0 \u00a0 Sentencia T-577\/12 \u00a0 DERECHO FUNDAMENTAL A LA SEGURIDAD SOCIAL Y PROTECCION POR MEDIO DE ACCION DE TUTELA-Reiteraci\u00f3n de jurisprudencia \u00a0 DERECHO A LA SEGURIDAD SOCIAL-Reconocimiento del car\u00e1cter fundamental en el \u00e1mbito internacional \u00a0 DERECHO A LA SEGURIDAD SOCIAL-Alcance y contenido \u00a0 Esta Corporaci\u00f3n ha sostenido que el derecho a la seguridad social no se agota en las conductas se\u00f1aladas en el art\u00edculo 48 de la Constituci\u00f3n Pol\u00edtica, sino que \u00e9ste se complementa con las obligaciones emanadas de los diferentes tratados internacionales de derechos humanos suscritos y ratificados por el Estado colombiano que abordan la materia y las interpretaciones ...<br \/><div class=\"pt-cv-rmwrap\"><a href=\"https:\/\/www.dmsjuridica.com\/buscador_20179478954\/corteconstitucionalcronologico202454587\/t-577-12\/\" class=\"_self pt-cv-readmore btn btn-success\" target=\"_self\">Ver Sentencia Completa...<\/a><\/div><\/div><\/div><\/div>\n<div class=\"col-md-12 col-sm-12 col-xs-12 pt-cv-content-item pt-cv-1-col\" ><div class='pt-cv-ifield'><a href=\"https:\/\/www.dmsjuridica.com\/buscador_20179478954\/corteconstitucionalcronologico202454587\/t-576-12\/\" class=\"_self pt-cv-href-thumbnail pt-cv-thumb-default\" target=\"_self\" ><\/a>\n<div class=\"pt-cv-taxoterm above_title\"><a href='https:\/\/www.dmsjuridica.com\/buscador_20179478954\/corteconstitucionalcronologico202454587\/category\/buscar-en-toda-la-corte\/2012\/tutelas-2012\/' title='Tutelas 2012' class='pt-cv-tax-tutelas-2012'>Tutelas 2012<\/a><\/div>\n<h4 class=\"pt-cv-title\"><a href=\"https:\/\/www.dmsjuridica.com\/buscador_20179478954\/corteconstitucionalcronologico202454587\/t-576-12\/\" class=\"_self\" target=\"_self\" >T-576-12<\/a><\/h4>\n<div class=\"pt-cv-content\">\u00a0 \u00a0 Sentencia T-576\/12 \u00a0 JURISPRUDENCIA CONSTITUCIONAL SOBRE LA CARENCIA ACTUAL DE OBJETO-Hecho superado y da\u00f1o consumado \u00a0 CARENCIA ACTUAL DE OBJETO POR HECHO SUPERADO EN EL TRAMITE DE TUTELA-Juez debe pronunciarse sobre la vulneraci\u00f3n pero no emitir \u00f3rdenes al respecto \u00a0 CARENCIA ACTUAL DE OBJETO POR DA\u00d1O CONSUMADO-No impide a la Corte Constitucional pronunciamiento de fondo sobre la existencia de una violaci\u00f3n de derechos fundamentales y futuras violaciones \u00a0 Es claro para la Sala que la carencia actual de objeto \u2013por hecho superado, da\u00f1o consumado u otra raz\u00f3n que haga inocua la orden de satisfacer la pretensi\u00f3n de la ...<br \/><div class=\"pt-cv-rmwrap\"><a href=\"https:\/\/www.dmsjuridica.com\/buscador_20179478954\/corteconstitucionalcronologico202454587\/t-576-12\/\" class=\"_self pt-cv-readmore btn btn-success\" target=\"_self\">Ver Sentencia Completa...<\/a><\/div><\/div><\/div><\/div>\n<div class=\"col-md-12 col-sm-12 col-xs-12 pt-cv-content-item pt-cv-1-col\" ><div class='pt-cv-ifield'><a href=\"https:\/\/www.dmsjuridica.com\/buscador_20179478954\/corteconstitucionalcronologico202454587\/t-575-12\/\" class=\"_self pt-cv-href-thumbnail pt-cv-thumb-default\" target=\"_self\" ><\/a>\n<div class=\"pt-cv-taxoterm above_title\"><a href='https:\/\/www.dmsjuridica.com\/buscador_20179478954\/corteconstitucionalcronologico202454587\/category\/buscar-en-toda-la-corte\/2012\/tutelas-2012\/' title='Tutelas 2012' class='pt-cv-tax-tutelas-2012'>Tutelas 2012<\/a><\/div>\n<h4 class=\"pt-cv-title\"><a href=\"https:\/\/www.dmsjuridica.com\/buscador_20179478954\/corteconstitucionalcronologico202454587\/t-575-12\/\" class=\"_self\" target=\"_self\" >T-575-12<\/a><\/h4>\n<div class=\"pt-cv-content\">\u00a0 \u00a0 Sentencia T-575\/12 \u00a0 ACCION DE TUTELA PARA LA PROTECCION DE LOS DERECHOS FUNDAMENTALES DE LA POBLACION DESPLAZADA-Procedencia \u00a0 POBLACION DESPLAZADA-Resulta desproporcionado exigirle el agotamiento previo de tr\u00e1mites ordinarios como requisito para la procedencia de la tutela \u00a0 La Corte Constitucional ha encontrado desproporcionado exigir el agotamiento previo de tr\u00e1mites ordinarios r\u00edgidos, como requisito para que los desplazados puedan acceder a los programas a que tienen derecho para paliar su situaci\u00f3n. \u00a0 DERECHOS MINIMOS DE LA POBLACION DESPLAZADA-Especial protecci\u00f3n constitucional para que sean satisfechos por las autoridades sin importar las circunstancias \u00a0 Las autoridades correspondientes deben actuar con especial ...<br \/><div class=\"pt-cv-rmwrap\"><a href=\"https:\/\/www.dmsjuridica.com\/buscador_20179478954\/corteconstitucionalcronologico202454587\/t-575-12\/\" class=\"_self pt-cv-readmore btn btn-success\" target=\"_self\">Ver Sentencia Completa...<\/a><\/div><\/div><\/div><\/div>\n<div class=\"col-md-12 col-sm-12 col-xs-12 pt-cv-content-item pt-cv-1-col\" ><div class='pt-cv-ifield'><a href=\"https:\/\/www.dmsjuridica.com\/buscador_20179478954\/corteconstitucionalcronologico202454587\/t-574-12\/\" class=\"_self pt-cv-href-thumbnail pt-cv-thumb-default\" target=\"_self\" ><\/a>\n<div class=\"pt-cv-taxoterm above_title\"><a href='https:\/\/www.dmsjuridica.com\/buscador_20179478954\/corteconstitucionalcronologico202454587\/category\/buscar-en-toda-la-corte\/2012\/tutelas-2012\/' title='Tutelas 2012' class='pt-cv-tax-tutelas-2012'>Tutelas 2012<\/a><\/div>\n<h4 class=\"pt-cv-title\"><a href=\"https:\/\/www.dmsjuridica.com\/buscador_20179478954\/corteconstitucionalcronologico202454587\/t-574-12\/\" class=\"_self\" target=\"_self\" >T-574-12<\/a><\/h4>\n<div class=\"pt-cv-content\">\u00a0 \u00a0 Sentencia T-574\/12 \u00a0 ACCION DE TUTELA PARA RECONOCIMIENTO DE PENSION DE INVALIDEZ-Procedencia excepcional \u00a0 ACCION DE TUTELA PARA RECONOCIMIENTO DE PENSION DE INVALIDEZ-Reiteraci\u00f3n de jurisprudencia\/ACCION DE TUTELA PARA RECONOCIMIENTO DE PENSION DE INVALIDEZ-Requisitos\u00a0 \u00a0 PENSION DE INVALIDEZ-Requisitos para obtener reconocimiento y pago \u00a0 REQUISITO DE FIDELIDAD PARA PENSION DE INVALIDEZ-Car\u00e1cter regresivo \u00a0 DERECHO DE PETICION EN MATERIA PENSIONAL-Reiteraci\u00f3n de jurisprudencia\u00a0 \u00a0 DERECHO A LA SEGURIDAD SOCIAL-Contenido y alcance\/DERECHO A LA SEGURIDAD SOCIAL-Elementos\u00a0 \u00a0 DERECHO DE PETICION EN MATERIA PENSIONAL-Jurisprudencia constitucional en materia de plazos m\u00e1ximos para resolver de fondo \u00a0 PENSION DE VEJEZ-Inoponibilidad de tr\u00e1mites administrativos respecto de ...<br \/><div class=\"pt-cv-rmwrap\"><a href=\"https:\/\/www.dmsjuridica.com\/buscador_20179478954\/corteconstitucionalcronologico202454587\/t-574-12\/\" class=\"_self pt-cv-readmore btn btn-success\" target=\"_self\">Ver Sentencia Completa...<\/a><\/div><\/div><\/div><\/div>\n<div class=\"col-md-12 col-sm-12 col-xs-12 pt-cv-content-item pt-cv-1-col\" ><div class='pt-cv-ifield'><a href=\"https:\/\/www.dmsjuridica.com\/buscador_20179478954\/corteconstitucionalcronologico202454587\/t-573-12\/\" class=\"_self pt-cv-href-thumbnail pt-cv-thumb-default\" target=\"_self\" ><\/a>\n<div class=\"pt-cv-taxoterm above_title\"><a href='https:\/\/www.dmsjuridica.com\/buscador_20179478954\/corteconstitucionalcronologico202454587\/category\/buscar-en-toda-la-corte\/2012\/tutelas-2012\/' title='Tutelas 2012' class='pt-cv-tax-tutelas-2012'>Tutelas 2012<\/a><\/div>\n<h4 class=\"pt-cv-title\"><a href=\"https:\/\/www.dmsjuridica.com\/buscador_20179478954\/corteconstitucionalcronologico202454587\/t-573-12\/\" class=\"_self\" target=\"_self\" >T-573-12<\/a><\/h4>\n<div class=\"pt-cv-content\">\u00a0 \u00a0 Sentencia T-573\/12 \u00a0 ACCION DE TUTELA CONTRA CAJANAL EN LIQUIDACION-Reconocimiento y pago de indemnizaci\u00f3n sustitutiva de pensi\u00f3n de vejez de quien cotizo antes de la Ley 100\/93 \u00a0 DERECHO A LA INDEMNIZACION SUSTITUTIVA-Reconocimiento de derechos pensionales es imprescriptible \u00a0 INDEMNIZACION SUSTITUTIVA-Caso en que se realizaron las cotizaciones y se prestaron los servicios con anterioridad a la vigencia del art\u00edculo 37 de la ley 100\/93 \u00a0 Referencia: expediente T-3403971 \u00a0 Acci\u00f3n de tutela instaurada mediante apoderado por Jairo de la Cruz Galindo, contra la Caja Nacional de Previsi\u00f3n Social E.I.C.E., en Liquidaci\u00f3n. \u00a0 Procedencia: Juzgado 28 Civil del Circuito ...<br \/><div class=\"pt-cv-rmwrap\"><a href=\"https:\/\/www.dmsjuridica.com\/buscador_20179478954\/corteconstitucionalcronologico202454587\/t-573-12\/\" class=\"_self pt-cv-readmore btn btn-success\" target=\"_self\">Ver Sentencia Completa...<\/a><\/div><\/div><\/div><\/div>\n<div class=\"col-md-12 col-sm-12 col-xs-12 pt-cv-content-item pt-cv-1-col\" ><div class='pt-cv-ifield'><a href=\"https:\/\/www.dmsjuridica.com\/buscador_20179478954\/corteconstitucionalcronologico202454587\/t-569-12\/\" class=\"_self pt-cv-href-thumbnail pt-cv-thumb-default\" target=\"_self\" ><\/a>\n<div class=\"pt-cv-taxoterm above_title\"><a href='https:\/\/www.dmsjuridica.com\/buscador_20179478954\/corteconstitucionalcronologico202454587\/category\/buscar-en-toda-la-corte\/2012\/tutelas-2012\/' title='Tutelas 2012' class='pt-cv-tax-tutelas-2012'>Tutelas 2012<\/a><\/div>\n<h4 class=\"pt-cv-title\"><a href=\"https:\/\/www.dmsjuridica.com\/buscador_20179478954\/corteconstitucionalcronologico202454587\/t-569-12\/\" class=\"_self\" target=\"_self\" >T-569-12<\/a><\/h4>\n<div class=\"pt-cv-content\">\u00a0 \u00a0 Sentencia T-569\/12 \u00a0 (Bogot\u00e1 DC, julio 17) \u00a0 PRINCIPIO DE INMEDIATEZ-Reiteraci\u00f3n de jurisprudencia\/PRINCIPIO DE INMEDIATEZ COMO REQUISITO DE PROCEDIBILIDAD DE LA ACCION DE TUTELA\/PRINCIPIO DE INMEDIATEZ EN ACCION DE TUTELA-Reglas generales \u00a0 La Corte Constitucional ha insistido en varios de sus pronunciamientos sobre la importancia del presupuesto de la inmediatez como requisito de procedibilidad de la acci\u00f3n de tutela. \u00a0\u00c9ste dicta que la acci\u00f3n debe ser interpuesta dentro de un plazo razonable y oportuno con el fin de evitar que se emplee como herramienta que premie la desidia, negligencia o indiferencia de los actores o, peor a\u00fan, se ...<br \/><div class=\"pt-cv-rmwrap\"><a href=\"https:\/\/www.dmsjuridica.com\/buscador_20179478954\/corteconstitucionalcronologico202454587\/t-569-12\/\" class=\"_self pt-cv-readmore btn btn-success\" target=\"_self\">Ver Sentencia Completa...<\/a><\/div><\/div><\/div><\/div>\n<div class=\"col-md-12 col-sm-12 col-xs-12 pt-cv-content-item pt-cv-1-col\" ><div class='pt-cv-ifield'><a href=\"https:\/\/www.dmsjuridica.com\/buscador_20179478954\/corteconstitucionalcronologico202454587\/t-568-12\/\" class=\"_self pt-cv-href-thumbnail pt-cv-thumb-default\" target=\"_self\" ><\/a>\n<div class=\"pt-cv-taxoterm above_title\"><a href='https:\/\/www.dmsjuridica.com\/buscador_20179478954\/corteconstitucionalcronologico202454587\/category\/buscar-en-toda-la-corte\/2012\/tutelas-2012\/' title='Tutelas 2012' class='pt-cv-tax-tutelas-2012'>Tutelas 2012<\/a><\/div>\n<h4 class=\"pt-cv-title\"><a href=\"https:\/\/www.dmsjuridica.com\/buscador_20179478954\/corteconstitucionalcronologico202454587\/t-568-12\/\" class=\"_self\" target=\"_self\" >T-568-12<\/a><\/h4>\n<div class=\"pt-cv-content\">\u00a0 \u00a0 \u00a0\u00a0 Sentencia T-568\/12 \u00a0 \u00a0(Bogot\u00e1 DC, julio 17) \u00a0 LEGITIMACION POR ACTIVA EN TUTELA-Contenido y alcance \u00a0 La Corte Constitucional se ha referido a la legitimaci\u00f3n en la causa como un requisito de procedibilidad de la acci\u00f3n de tutela, en los siguientes t\u00e9rminos: \u201cLa legitimaci\u00f3n en la causa es un presupuesto de la sentencia de fondo porque otorga a las partes el derecho a que el juez se pronuncie sobre el m\u00e9rito de las pretensiones del actor y las razones de la oposici\u00f3n por el demandado, mediante sentencia favorable o desfavorable. Es una calidad subjetiva de las partes ...<br \/><div class=\"pt-cv-rmwrap\"><a href=\"https:\/\/www.dmsjuridica.com\/buscador_20179478954\/corteconstitucionalcronologico202454587\/t-568-12\/\" class=\"_self pt-cv-readmore btn btn-success\" target=\"_self\">Ver Sentencia Completa...<\/a><\/div><\/div><\/div><\/div>\n<div class=\"col-md-12 col-sm-12 col-xs-12 pt-cv-content-item pt-cv-1-col\" ><div class='pt-cv-ifield'><a href=\"https:\/\/www.dmsjuridica.com\/buscador_20179478954\/corteconstitucionalcronologico202454587\/t-567-12\/\" class=\"_self pt-cv-href-thumbnail pt-cv-thumb-default\" target=\"_self\" ><\/a>\n<div class=\"pt-cv-taxoterm above_title\"><a href='https:\/\/www.dmsjuridica.com\/buscador_20179478954\/corteconstitucionalcronologico202454587\/category\/buscar-en-toda-la-corte\/2012\/tutelas-2012\/' title='Tutelas 2012' class='pt-cv-tax-tutelas-2012'>Tutelas 2012<\/a><\/div>\n<h4 class=\"pt-cv-title\"><a href=\"https:\/\/www.dmsjuridica.com\/buscador_20179478954\/corteconstitucionalcronologico202454587\/t-567-12\/\" class=\"_self\" target=\"_self\" >T-567-12<\/a><\/h4>\n<div class=\"pt-cv-content\">\u00a0 \u00a0 Sentencia T-567\/12 \u00a0 (Bogot\u00e1 DC, julio 17) \u00a0 DERECHO AL AGUA POTABLE-Conexidad con derechos fundamentales\u00a0 \u00a0 AGUA POTABLE-Exigibilidad mediante acci\u00f3n de tutela\u00a0 \u00a0 RECURSOS NATURALES-Preservaci\u00f3n por el Estado\u00a0 \u00a0 DERECHO AL CONSUMO DE AGUA POTABLE-No se puede entender como un derecho fundamental aut\u00f3nomo \u00a0 No puede entenderse que el derecho al agua sea un derecho fundamental aut\u00f3nomo, sino que por el contrario es su conexidad con derechos fundamentales la que determina su especial protecci\u00f3n por parte del juez de tutela. Adicionalmente, es a la autoridad administrativa a quien le corresponde determinar en cabeza de quien esta el uso ...<br \/><div class=\"pt-cv-rmwrap\"><a href=\"https:\/\/www.dmsjuridica.com\/buscador_20179478954\/corteconstitucionalcronologico202454587\/t-567-12\/\" class=\"_self pt-cv-readmore btn btn-success\" target=\"_self\">Ver Sentencia Completa...<\/a><\/div><\/div><\/div><\/div>\n<div class=\"col-md-12 col-sm-12 col-xs-12 pt-cv-content-item pt-cv-1-col\" ><div class='pt-cv-ifield'><a href=\"https:\/\/www.dmsjuridica.com\/buscador_20179478954\/corteconstitucionalcronologico202454587\/t-566-12\/\" class=\"_self pt-cv-href-thumbnail pt-cv-thumb-default\" target=\"_self\" ><\/a>\n<div class=\"pt-cv-taxoterm above_title\"><a href='https:\/\/www.dmsjuridica.com\/buscador_20179478954\/corteconstitucionalcronologico202454587\/category\/buscar-en-toda-la-corte\/2012\/tutelas-2012\/' title='Tutelas 2012' class='pt-cv-tax-tutelas-2012'>Tutelas 2012<\/a><\/div>\n<h4 class=\"pt-cv-title\"><a href=\"https:\/\/www.dmsjuridica.com\/buscador_20179478954\/corteconstitucionalcronologico202454587\/t-566-12\/\" class=\"_self\" target=\"_self\" >T-566-12<\/a><\/h4>\n<div class=\"pt-cv-content\">\u00a0 \u00a0 Sentencia T-566\/12\u00a0 \u00a0 \u00a0(Bogot\u00e1 DC, Julio 17) \u00a0 ACCION DE TUTELA-Car\u00e1cter subsidiario \u00a0 ACCION DE TUTELA-Procedencia para proteger el derecho fundamental a la salud \u00a0 ACCION DE TUTELA-Reiteraci\u00f3n de jurisprudencia sobre la procedencia excepcional para ordenar gastos de transporte y traslado de pacientes\/TRASLADOS Y GASTOS DE TRANSPORTE A PACIENTES-Reiteraci\u00f3n de jurisprudencia \u00a0 PLAN OBLIGATORIO DE SALUD-Criterios para inclusi\u00f3n de gastos de transporte\/CUBRIMIENTO DE GASTOS DE TRANSPORTE PARA PACIENTE Y ACOMPA\u00d1ANTE POR EPS-Reglas jurisprudenciales\u00a0 \u00a0 Excepcionalmente corresponde a la EPS o al Estado, cubrir los costos derivados del traslado del paciente, cuando \u00e9ste sea necesario para el acceso, protecci\u00f3n ...<br \/><div class=\"pt-cv-rmwrap\"><a href=\"https:\/\/www.dmsjuridica.com\/buscador_20179478954\/corteconstitucionalcronologico202454587\/t-566-12\/\" class=\"_self pt-cv-readmore btn btn-success\" target=\"_self\">Ver Sentencia Completa...<\/a><\/div><\/div><\/div><\/div>\n<div class=\"col-md-12 col-sm-12 col-xs-12 pt-cv-content-item pt-cv-1-col\" ><div class='pt-cv-ifield'><a href=\"https:\/\/www.dmsjuridica.com\/buscador_20179478954\/corteconstitucionalcronologico202454587\/t-565-12\/\" class=\"_self pt-cv-href-thumbnail pt-cv-thumb-default\" target=\"_self\" ><\/a>\n<div class=\"pt-cv-taxoterm above_title\"><a href='https:\/\/www.dmsjuridica.com\/buscador_20179478954\/corteconstitucionalcronologico202454587\/category\/buscar-en-toda-la-corte\/2012\/tutelas-2012\/' title='Tutelas 2012' class='pt-cv-tax-tutelas-2012'>Tutelas 2012<\/a><\/div>\n<h4 class=\"pt-cv-title\"><a href=\"https:\/\/www.dmsjuridica.com\/buscador_20179478954\/corteconstitucionalcronologico202454587\/t-565-12\/\" class=\"_self\" target=\"_self\" >T-565-12<\/a><\/h4>\n<div class=\"pt-cv-content\">\u00a0 \u00a0 Sentencia T-565\/12 \u00a0 ACCION DE TUTELA CONTRA PROVIDENCIAS JUDICIALES-Procedencia excepcional \u00a0 La acci\u00f3n de tutela procede, a pesar de su car\u00e1cter subsidiario y excepcional, contra providencias judiciales en las que se vislumbre vulneraci\u00f3n a los derechos fundamentales. \u00a0 \u00a0 ACCION DE TUTELA CONTRA PROVIDENCIAS JUDICIALES-Requisitos generales y especiales de procedibilidad\u00a0 \u00a0 ACCION DE TUTELA CONTRA PROVIDENCIAS JUDICIALES-Relevancia constitucional del requisito general de subsidiariedad para su procedencia excepcional\u00a0 \u00a0 PRINCIPIO DE INMEDIATEZ EN ACCION DE TUTELA CONTRA PROVIDENCIAS JUDICIALES-T\u00e9rmino razonable debe valorarse en cada caso concreto \u00a0 La jurisprudencia ha planteado que ser\u00e1 procedente la tutela aun cuando no ...<br \/><div class=\"pt-cv-rmwrap\"><a href=\"https:\/\/www.dmsjuridica.com\/buscador_20179478954\/corteconstitucionalcronologico202454587\/t-565-12\/\" class=\"_self pt-cv-readmore btn btn-success\" target=\"_self\">Ver Sentencia Completa...<\/a><\/div><\/div><\/div><\/div>\n<div class=\"col-md-12 col-sm-12 col-xs-12 pt-cv-content-item pt-cv-1-col\" ><div class='pt-cv-ifield'><a href=\"https:\/\/www.dmsjuridica.com\/buscador_20179478954\/corteconstitucionalcronologico202454587\/t-564-12\/\" class=\"_self pt-cv-href-thumbnail pt-cv-thumb-default\" target=\"_self\" ><\/a>\n<div class=\"pt-cv-taxoterm above_title\"><a href='https:\/\/www.dmsjuridica.com\/buscador_20179478954\/corteconstitucionalcronologico202454587\/category\/buscar-en-toda-la-corte\/2012\/tutelas-2012\/' title='Tutelas 2012' class='pt-cv-tax-tutelas-2012'>Tutelas 2012<\/a><\/div>\n<h4 class=\"pt-cv-title\"><a href=\"https:\/\/www.dmsjuridica.com\/buscador_20179478954\/corteconstitucionalcronologico202454587\/t-564-12\/\" class=\"_self\" target=\"_self\" >T-564-12<\/a><\/h4>\n<div class=\"pt-cv-content\">\u00a0 \u00a0 Sentencia T-564\/12 \u00a0 ACCION DE TUTELA CONTRA PROVIDENCIAS JUDICIALES-Reiteraci\u00f3n de jurisprudencia\/ACCION DE TUTELA CONTRA PROVIDENCIAS JUDICIALES-Procedencia excepcional \u00a0 ACCION DE TUTELA CONTRA PROVIDENCIAS JUDICIALES-Causales de procedibilidad \u00a0 Las causales de procedibilidad de la acci\u00f3n de tutela contra providencias judiciales est\u00e1n integradas por unas de car\u00e1cter general y otras de car\u00e1cter espec\u00edfico. Las primeras permiten verificar si el juez puede evaluar el fondo del asunto, y hacen referencia a: (i) si la problem\u00e1tica tiene relevancia constitucional; (ii) si han sido agotados todos los recursos o medios -ordinarios o extraordinarios- de defensa de los derechos, a menos que se trate ...<br \/><div class=\"pt-cv-rmwrap\"><a href=\"https:\/\/www.dmsjuridica.com\/buscador_20179478954\/corteconstitucionalcronologico202454587\/t-564-12\/\" class=\"_self pt-cv-readmore btn btn-success\" target=\"_self\">Ver Sentencia Completa...<\/a><\/div><\/div><\/div><\/div>\n<div class=\"col-md-12 col-sm-12 col-xs-12 pt-cv-content-item pt-cv-1-col\" ><div class='pt-cv-ifield'><a href=\"https:\/\/www.dmsjuridica.com\/buscador_20179478954\/corteconstitucionalcronologico202454587\/t-563-12\/\" class=\"_self pt-cv-href-thumbnail pt-cv-thumb-default\" target=\"_self\" ><\/a>\n<div class=\"pt-cv-taxoterm above_title\"><a href='https:\/\/www.dmsjuridica.com\/buscador_20179478954\/corteconstitucionalcronologico202454587\/category\/buscar-en-toda-la-corte\/2012\/tutelas-2012\/' title='Tutelas 2012' class='pt-cv-tax-tutelas-2012'>Tutelas 2012<\/a><\/div>\n<h4 class=\"pt-cv-title\"><a href=\"https:\/\/www.dmsjuridica.com\/buscador_20179478954\/corteconstitucionalcronologico202454587\/t-563-12\/\" class=\"_self\" target=\"_self\" >T-563-12<\/a><\/h4>\n<div class=\"pt-cv-content\">\u00a0 \u00a0 Sentencia T-563\/12 \u00a0 ACCION DE TUTELA PARA RECONOCIMIENTO DE DERECHOS PENSIONALES-Procedencia excepcional \u00a0 DERECHO A LA PENSION DE SOBREVIVIENTES-Reiteraci\u00f3n de jurisprudencia \u00a0 PENSION DE SOBREVIVIENTES-Car\u00e1cter fundamental\u00a0 \u00a0 DERECHO A LA PENSION DE SOBREVIVIENTES-Requisitos \u00a0 REQUISITO DE FIDELIDAD PARA PENSION DE SOBREVIVIENTES-Desarrollo jurisprudencial \u00a0 PRINCIPIO DE LA CONDICION MAS BENEFICIOSA EN MATERIA PENSIONAL-Jurisprudencia de la Corte Suprema de Justicia \u00a0 PENSION DE SOBREVIVIENTES-Subreglas para reconocimiento \u00a0 PRINCIPIO DE FAVORABILIDAD LABORAL FRENTE AL RECONOCIMIENTO DE PENSIONES-Aplicaci\u00f3n\u00a0 \u00a0 Referencia: expediente T-3340867 \u00a0 Acci\u00f3n de tutela instaurada por Mar\u00eda Excelina Villegas L\u00f3pez, contra Cajanal EICE en Liquidaci\u00f3n. \u00a0 Magistrada ponente: \u00a0 MAR\u00cdA ...<br \/><div class=\"pt-cv-rmwrap\"><a href=\"https:\/\/www.dmsjuridica.com\/buscador_20179478954\/corteconstitucionalcronologico202454587\/t-563-12\/\" class=\"_self pt-cv-readmore btn btn-success\" target=\"_self\">Ver Sentencia Completa...<\/a><\/div><\/div><\/div><\/div>\n<div class=\"col-md-12 col-sm-12 col-xs-12 pt-cv-content-item pt-cv-1-col\" ><div class='pt-cv-ifield'><a href=\"https:\/\/www.dmsjuridica.com\/buscador_20179478954\/corteconstitucionalcronologico202454587\/t-562-12\/\" class=\"_self pt-cv-href-thumbnail pt-cv-thumb-default\" target=\"_self\" ><\/a>\n<div class=\"pt-cv-taxoterm above_title\"><a href='https:\/\/www.dmsjuridica.com\/buscador_20179478954\/corteconstitucionalcronologico202454587\/category\/buscar-en-toda-la-corte\/2012\/tutelas-2012\/' title='Tutelas 2012' class='pt-cv-tax-tutelas-2012'>Tutelas 2012<\/a><\/div>\n<h4 class=\"pt-cv-title\"><a href=\"https:\/\/www.dmsjuridica.com\/buscador_20179478954\/corteconstitucionalcronologico202454587\/t-562-12\/\" class=\"_self\" target=\"_self\" >T-562-12<\/a><\/h4>\n<div class=\"pt-cv-content\">\u00a0 \u00a0 Sentencia T-562\/12\u00a0 \u00a0 ACCION DE TUTELA PARA RECONOCIMIENTO DE PENSION DE INVALIDEZ-Procedencia excepcional \u00a0 \u00a0 REQUISITOS PARA ACCEDER A LA PENSION DE INVALIDEZ Y REGIMEN APLICABLE-Reiteraci\u00f3n de jurisprudencia \u00a0 REQUISITO DE FIDELIDAD PARA PENSION DE SOBREVIVIENTES-Jurisprudencia constitucional\/PENSION DE INVALIDEZ Y REQUISITO DE FIDELIDAD-Reiteraci\u00f3n de jurisprudencia\/PENSION DE INVALIDEZ-Aplicaci\u00f3n del art\u00edculo 1 de la Ley 860\/03 de acuerdo con la sentencia C-428\/09 \u00a0 La Sala de Revisi\u00f3n reitera que el requisito establecido en el art\u00edculo 1 de la Ley 860 de 2003 para el reconocimiento de la pensi\u00f3n de invalidez, por el cual se exig\u00eda al afiliado fidelidad con el ...<br \/><div class=\"pt-cv-rmwrap\"><a href=\"https:\/\/www.dmsjuridica.com\/buscador_20179478954\/corteconstitucionalcronologico202454587\/t-562-12\/\" class=\"_self pt-cv-readmore btn btn-success\" target=\"_self\">Ver Sentencia Completa...<\/a><\/div><\/div><\/div><\/div>\n<div class=\"col-md-12 col-sm-12 col-xs-12 pt-cv-content-item pt-cv-1-col\" ><div class='pt-cv-ifield'><a href=\"https:\/\/www.dmsjuridica.com\/buscador_20179478954\/corteconstitucionalcronologico202454587\/t-561-12\/\" class=\"_self pt-cv-href-thumbnail pt-cv-thumb-default\" target=\"_self\" ><\/a>\n<div class=\"pt-cv-taxoterm above_title\"><a href='https:\/\/www.dmsjuridica.com\/buscador_20179478954\/corteconstitucionalcronologico202454587\/category\/buscar-en-toda-la-corte\/2012\/tutelas-2012\/' title='Tutelas 2012' class='pt-cv-tax-tutelas-2012'>Tutelas 2012<\/a><\/div>\n<h4 class=\"pt-cv-title\"><a href=\"https:\/\/www.dmsjuridica.com\/buscador_20179478954\/corteconstitucionalcronologico202454587\/t-561-12\/\" class=\"_self\" target=\"_self\" >T-561-12<\/a><\/h4>\n<div class=\"pt-cv-content\">\u00a0 \u00a0 Sentencia T-561\/12 \u00a0 ACCION DE TUTELA DE PERSONA DESPLAZADA CONTRA BANCO AGRARIO-Negativa a entregar ayuda humanitaria de emergencia por no presentar c\u00e9dula de ciudadan\u00eda con hologramas \u00a0 \u00a0 \u00a0 AYUDA HUMANITARIA DE EMERGENCIA-Requisitos y forma de entrega \u00a0 \u00a0 \u00a0 AYUDA HUMANITARIA DE EMERGENCIA-Prohibici\u00f3n de supeditar entrega a tr\u00e1mites o cargas probatorias desproporcionadas \u00a0 \u00a0 \u00a0 DERECHO AL MINIMO VITAL Y VIDA DIGNA DE PERSONAS VICTIMAS DE DESPLAZAMIENTO FORZADO-Vulneraci\u00f3n por supeditar entrega de ayuda humanitaria de emergencia a exigencias imposibles de cumplir \u00a0 \u00a0 \u00a0 AYUDA HUMANITARIA DE EMERGENCIA-Alcance y componentes \u00a0 \u00a0 \u00a0 ENTREGA DE AYUDA HUMANITARIA ...<br \/><div class=\"pt-cv-rmwrap\"><a href=\"https:\/\/www.dmsjuridica.com\/buscador_20179478954\/corteconstitucionalcronologico202454587\/t-561-12\/\" class=\"_self pt-cv-readmore btn btn-success\" target=\"_self\">Ver Sentencia Completa...<\/a><\/div><\/div><\/div><\/div>\n<div class=\"col-md-12 col-sm-12 col-xs-12 pt-cv-content-item pt-cv-1-col\" ><div class='pt-cv-ifield'><a href=\"https:\/\/www.dmsjuridica.com\/buscador_20179478954\/corteconstitucionalcronologico202454587\/t-560-12\/\" class=\"_self pt-cv-href-thumbnail pt-cv-thumb-default\" target=\"_self\" ><\/a>\n<div class=\"pt-cv-taxoterm above_title\"><a href='https:\/\/www.dmsjuridica.com\/buscador_20179478954\/corteconstitucionalcronologico202454587\/category\/buscar-en-toda-la-corte\/2012\/tutelas-2012\/' title='Tutelas 2012' class='pt-cv-tax-tutelas-2012'>Tutelas 2012<\/a><\/div>\n<h4 class=\"pt-cv-title\"><a href=\"https:\/\/www.dmsjuridica.com\/buscador_20179478954\/corteconstitucionalcronologico202454587\/t-560-12\/\" class=\"_self\" target=\"_self\" >T-560-12<\/a><\/h4>\n<div class=\"pt-cv-content\">\u00a0 \u00a0 Sentencia T-560\/12 \u00a0 ACCION DE TUTELA PARA RECONOCIMIENTO Y PAGO DE ACREENCIAS LABORALES-Procedencia excepcional \u00a0 \u00a0 \u00a0 ACCION DE TUTELA PARA EL PAGO DE ACREENCIAS LABORALES-Procedencia excepcional por afectaci\u00f3n del m\u00ednimo vital \u00a0 \u00a0 \u00a0 ACCION DE TUTELA PARA EL PAGO DE INDEXACION DE CESANTIAS YA CANCELADAS-Improcedencia \u00a0 \u00a0 \u00a0 ACCION DE TUTELA PARA EL PAGO DE INDEXACION DE CESANTIAS-Procedencia excepcional por violaci\u00f3n del derecho a la igualdad \u00a0 \u00a0 \u00a0 INDEXACION DE CESANTIAS Y TERMINO DE PRESCRIPCION \u00a0 \u00a0 \u00a0 INDEXACION DE CESANTIAS Y ACUERDOS DE RESTRUCTUIRACION DE PASIVOS \u00a0 \u00a0 \u00a0 ACCION DE TUTELA DE EXTRABAJADORES ...<br \/><div class=\"pt-cv-rmwrap\"><a href=\"https:\/\/www.dmsjuridica.com\/buscador_20179478954\/corteconstitucionalcronologico202454587\/t-560-12\/\" class=\"_self pt-cv-readmore btn btn-success\" target=\"_self\">Ver Sentencia Completa...<\/a><\/div><\/div><\/div><\/div>\n<div class=\"col-md-12 col-sm-12 col-xs-12 pt-cv-content-item pt-cv-1-col\" ><div class='pt-cv-ifield'><a href=\"https:\/\/www.dmsjuridica.com\/buscador_20179478954\/corteconstitucionalcronologico202454587\/t-559-12\/\" class=\"_self pt-cv-href-thumbnail pt-cv-thumb-default\" target=\"_self\" ><\/a>\n<div class=\"pt-cv-taxoterm above_title\"><a href='https:\/\/www.dmsjuridica.com\/buscador_20179478954\/corteconstitucionalcronologico202454587\/category\/buscar-en-toda-la-corte\/2012\/tutelas-2012\/' title='Tutelas 2012' class='pt-cv-tax-tutelas-2012'>Tutelas 2012<\/a><\/div>\n<h4 class=\"pt-cv-title\"><a href=\"https:\/\/www.dmsjuridica.com\/buscador_20179478954\/corteconstitucionalcronologico202454587\/t-559-12\/\" class=\"_self\" target=\"_self\" >T-559-12<\/a><\/h4>\n<div class=\"pt-cv-content\">\u00a0 \u00a0 Sentencia T-559\/12 \u00a0 LEGITIMACION POR ACTIVA EN TUTELA-Requisito de procedibilidad \u00a0 \u00a0 \u00a0 ACCION DE TUTELA EN PROCESO LABORAL ORDINARIO-Indexaci\u00f3n de la mesada pensional por retiro voluntario del servicio \u00a0 \u00a0 \u00a0 ACCION DE TUTELA CONTRA PROVIDENCIAS JUDICIALES-Procedencia excepcional \u00a0 \u00a0 \u00a0 ACCION DE TUTELA CONTRA PROVIDENCIAS JUDICIALES-Requisitos generales y especiales de procedibilidad \u00a0 \u00a0 \u00a0 DERECHO A MANTENER EL PODER ADQUISITIVO DE LA MESADA PENSIONAL Y ACTUALIZACION DEL SALARIO BASE DE COTIZACION-Protecci\u00f3n y relevancia constitucional \u00a0 \u00a0 \u00a0 INDEXACION DE LA PRIMERA MESADA PENSIONAL-Desarrollo jurisprudencial de la Corte Suprema de Justicia \u00a0 \u00a0 \u00a0 INDEXACION DE LA ...<br \/><div class=\"pt-cv-rmwrap\"><a href=\"https:\/\/www.dmsjuridica.com\/buscador_20179478954\/corteconstitucionalcronologico202454587\/t-559-12\/\" class=\"_self pt-cv-readmore btn btn-success\" target=\"_self\">Ver Sentencia Completa...<\/a><\/div><\/div><\/div><\/div>\n<div class=\"col-md-12 col-sm-12 col-xs-12 pt-cv-content-item pt-cv-1-col\" ><div class='pt-cv-ifield'><a href=\"https:\/\/www.dmsjuridica.com\/buscador_20179478954\/corteconstitucionalcronologico202454587\/t-558-12\/\" class=\"_self pt-cv-href-thumbnail pt-cv-thumb-default\" target=\"_self\" ><\/a>\n<div class=\"pt-cv-taxoterm above_title\"><a href='https:\/\/www.dmsjuridica.com\/buscador_20179478954\/corteconstitucionalcronologico202454587\/category\/buscar-en-toda-la-corte\/2012\/tutelas-2012\/' title='Tutelas 2012' class='pt-cv-tax-tutelas-2012'>Tutelas 2012<\/a><\/div>\n<h4 class=\"pt-cv-title\"><a href=\"https:\/\/www.dmsjuridica.com\/buscador_20179478954\/corteconstitucionalcronologico202454587\/t-558-12\/\" class=\"_self\" target=\"_self\" >T-558-12<\/a><\/h4>\n<div class=\"pt-cv-content\">\u00a0 \u00a0 Sentencia T-558\/12 \u00a0 LEGITIMACION POR ACTIVA EN TUTELA \u00a0 \u00a0 \u00a0 \u00a0 \u00a0 DERECHO DE PETICION-Consagraci\u00f3n constitucional \u00a0 \u00a0 \u00a0 DERECHO DE PETICION-Instituci\u00f3n jur\u00eddica\/DERECHO DE PETICION-N\u00facleo esencial \u00a0 \u00a0 \u00a0 DERECHO DE PETICION-Relevancia constitucional \u00a0 \u00a0 \u00a0 DERECHO DE PETICION-Respuesta oportuna y de fondo \u00a0 \u00a0 \u00a0 DERECHO DE PETICION-Elementos \u00a0 \u00a0 \u00a0 DERECHO DE PETICION-Procedencia de la acci\u00f3n de tutela \u00a0 \u00a0 \u00a0 DERECHO DE PETICION-Desarrollo legal \u00a0 \u00a0 \u00a0 DERECHO DE PETICION-Peticiones respetuosas presentadas ante autoridades deben ser resueltas de manera pronta y de fondo \u00a0 \u00a0 \u00a0 DERECHO DE ACCESO A DOCUMENTOS PUBLICOS-Fundamental \u00a0 \u00a0 ...<br \/><div class=\"pt-cv-rmwrap\"><a href=\"https:\/\/www.dmsjuridica.com\/buscador_20179478954\/corteconstitucionalcronologico202454587\/t-558-12\/\" class=\"_self pt-cv-readmore btn btn-success\" target=\"_self\">Ver Sentencia Completa...<\/a><\/div><\/div><\/div><\/div>\n<div class=\"col-md-12 col-sm-12 col-xs-12 pt-cv-content-item pt-cv-1-col\" ><div class='pt-cv-ifield'><a href=\"https:\/\/www.dmsjuridica.com\/buscador_20179478954\/corteconstitucionalcronologico202454587\/t-557-12\/\" class=\"_self pt-cv-href-thumbnail pt-cv-thumb-default\" target=\"_self\" ><\/a>\n<div class=\"pt-cv-taxoterm above_title\"><a href='https:\/\/www.dmsjuridica.com\/buscador_20179478954\/corteconstitucionalcronologico202454587\/category\/buscar-en-toda-la-corte\/2012\/tutelas-2012\/' title='Tutelas 2012' class='pt-cv-tax-tutelas-2012'>Tutelas 2012<\/a><\/div>\n<h4 class=\"pt-cv-title\"><a href=\"https:\/\/www.dmsjuridica.com\/buscador_20179478954\/corteconstitucionalcronologico202454587\/t-557-12\/\" class=\"_self\" target=\"_self\" >T-557-12<\/a><\/h4>\n<div class=\"pt-cv-content\">\u00a0 \u00a0 {p} \u00a0 Sentencia T-557\/12 \u00a0 LEGITIMACION POR ACTIVA EN TUTELA \u00a0 \u00a0 \u00a0 \u00a0 \u00a0 LEGITIMACION POR ACTIVA Y AGENCIA OFICIOSA DE COMUNIDADES INDIGENAS-Autonom\u00eda \u00a0 \u00a0 \u00a0 DERECHO A LA IDENTIDAD CULTURAL DE COMUNIDADES INDIGENAS-Protecci\u00f3n y ejercicio del derecho a la supervivencia \u00a0 \u00a0 \u00a0 DERECHO A LA IDENTIDAD CULTURAL-Principios de diversidad \u00e9tnica y autodeterminaci\u00f3n \u00a0 \u00a0 \u00a0 ACCION DE TUTELA-Vulneraci\u00f3n o amenaza cierta a un derecho fundamental como requisito de procedencia \u00a0 \u00a0 \u00a0 ACCION DE TUTELA EN MATERIA DE DERECHO A LA EDUCACION INDIGENA PROPIA-Improcedencia por buscar ejecuci\u00f3n de acciones propias de una pol\u00edtica p\u00fablica y ...<br \/><div class=\"pt-cv-rmwrap\"><a href=\"https:\/\/www.dmsjuridica.com\/buscador_20179478954\/corteconstitucionalcronologico202454587\/t-557-12\/\" class=\"_self pt-cv-readmore btn btn-success\" target=\"_self\">Ver Sentencia Completa...<\/a><\/div><\/div><\/div><\/div>\n<div class=\"col-md-12 col-sm-12 col-xs-12 pt-cv-content-item pt-cv-1-col\" ><div class='pt-cv-ifield'><a href=\"https:\/\/www.dmsjuridica.com\/buscador_20179478954\/corteconstitucionalcronologico202454587\/t-556-12\/\" class=\"_self pt-cv-href-thumbnail pt-cv-thumb-default\" target=\"_self\" ><\/a>\n<div class=\"pt-cv-taxoterm above_title\"><a href='https:\/\/www.dmsjuridica.com\/buscador_20179478954\/corteconstitucionalcronologico202454587\/category\/buscar-en-toda-la-corte\/2012\/tutelas-2012\/' title='Tutelas 2012' class='pt-cv-tax-tutelas-2012'>Tutelas 2012<\/a><\/div>\n<h4 class=\"pt-cv-title\"><a href=\"https:\/\/www.dmsjuridica.com\/buscador_20179478954\/corteconstitucionalcronologico202454587\/t-556-12\/\" class=\"_self\" target=\"_self\" >T-556-12<\/a><\/h4>\n<div class=\"pt-cv-content\">\u00a0 \u00a0 Sentencia T-556\/12 \u00a0 ACCION DE TUTELA CONTRA EMPRESA DE LIMPIEZA EN PROCESO ORDINARIO LABORAL-Incorrecta afiliaci\u00f3n a Administradora de Pensiones y Cesant\u00edas y no cumplimiento del periodo m\u00ednimo de cotizaci\u00f3n para acceder a la pensi\u00f3n de invalidez \u00a0 \u00a0 \u00a0 PROCEDENCIA EXCEPCIONAL DE LA ACCION DE TUTELA PARA ORDENAR RECONOCIMIENTO DE PENSION DE INVALIDEZ-Reiteraci\u00f3n de jurisprudencia \u00a0 \u00a0 \u00a0 PENSION DE INVALIDEZ Y DERECHO AL MINIMO VITAL Y VIDA DIGNA-Conexidad \u00a0 \u00a0 \u00a0 PENSION DE INVALIDEZ POR RIESGO COMUN-Regulaci\u00f3n \u00a0 \u00a0 \u00a0 PENSION DE INVALIDEZ-Requisitos seg\u00fan art\u00edculo 39 de la Ley 100\/93 \u00a0 \u00a0 \u00a0 PENSION DE INVALIDEZ-Modificaci\u00f3n de ...<br \/><div class=\"pt-cv-rmwrap\"><a href=\"https:\/\/www.dmsjuridica.com\/buscador_20179478954\/corteconstitucionalcronologico202454587\/t-556-12\/\" class=\"_self pt-cv-readmore btn btn-success\" target=\"_self\">Ver Sentencia Completa...<\/a><\/div><\/div><\/div><\/div>\n<div class=\"col-md-12 col-sm-12 col-xs-12 pt-cv-content-item pt-cv-1-col\" ><div class='pt-cv-ifield'><a href=\"https:\/\/www.dmsjuridica.com\/buscador_20179478954\/corteconstitucionalcronologico202454587\/t-555-12\/\" class=\"_self pt-cv-href-thumbnail pt-cv-thumb-default\" target=\"_self\" ><\/a>\n<div class=\"pt-cv-taxoterm above_title\"><a href='https:\/\/www.dmsjuridica.com\/buscador_20179478954\/corteconstitucionalcronologico202454587\/category\/buscar-en-toda-la-corte\/2012\/tutelas-2012\/' title='Tutelas 2012' class='pt-cv-tax-tutelas-2012'>Tutelas 2012<\/a><\/div>\n<h4 class=\"pt-cv-title\"><a href=\"https:\/\/www.dmsjuridica.com\/buscador_20179478954\/corteconstitucionalcronologico202454587\/t-555-12\/\" class=\"_self\" target=\"_self\" >T-555-12<\/a><\/h4>\n<div class=\"pt-cv-content\">\u00a0 \u00a0 Sentencia T-555\/12 \u00a0 REVOCATORIA DIRECTA DE ACTOS ADMINISTRATIVOS-Caso en que se revoca directa y unilateralmente resoluci\u00f3n que reconoc\u00eda pensi\u00f3n de jubilaci\u00f3n y se condena a restituir las sumas de dinero pagadas por tal concepto\u00a0 \u00a0 PROCEDENCIA DE LA ACCION DE TUTELA ANTE LA EXISTENCIA DE OTRO MEDIO DE DEFENSA JUDICIAL-Situaciones excepcionales\u00a0 \u00a0 Esta corporaci\u00f3n ha reafirmado que, conforme al art\u00edculo 86 de la carta pol\u00edtica, la acci\u00f3n de tutela es un medio de protecci\u00f3n de car\u00e1cter residual y subsidiario, que puede ser usado ante la vulneraci\u00f3n o amenaza de derechos fundamentales cuando no exista otro medio id\u00f3neo\u00a0de defensa ...<br \/><div class=\"pt-cv-rmwrap\"><a href=\"https:\/\/www.dmsjuridica.com\/buscador_20179478954\/corteconstitucionalcronologico202454587\/t-555-12\/\" class=\"_self pt-cv-readmore btn btn-success\" target=\"_self\">Ver Sentencia Completa...<\/a><\/div><\/div><\/div><\/div>\n<div class=\"col-md-12 col-sm-12 col-xs-12 pt-cv-content-item pt-cv-1-col\" ><div class='pt-cv-ifield'><a href=\"https:\/\/www.dmsjuridica.com\/buscador_20179478954\/corteconstitucionalcronologico202454587\/t-554-12\/\" class=\"_self pt-cv-href-thumbnail pt-cv-thumb-default\" target=\"_self\" ><\/a>\n<div class=\"pt-cv-taxoterm above_title\"><a href='https:\/\/www.dmsjuridica.com\/buscador_20179478954\/corteconstitucionalcronologico202454587\/category\/buscar-en-toda-la-corte\/2012\/tutelas-2012\/' title='Tutelas 2012' class='pt-cv-tax-tutelas-2012'>Tutelas 2012<\/a><\/div>\n<h4 class=\"pt-cv-title\"><a href=\"https:\/\/www.dmsjuridica.com\/buscador_20179478954\/corteconstitucionalcronologico202454587\/t-554-12\/\" class=\"_self\" target=\"_self\" >T-554-12<\/a><\/h4>\n<div class=\"pt-cv-content\">\u00a0 \u00a0 Sentencia T-554\/12 \u00a0 DERECHO DE PETICION-Concepto y alcance \u00a0 Toda persona tiene derecho a presentar peticiones respetuosas a las autoridades por motivos de inter\u00e9s general o particular y a obtener pronta resoluci\u00f3n. El legislador podr\u00e1 reglamentar su ejercicio ante organizaciones privadas para garantizar los derechos fundamentales. \u00a0 DERECHO DE PETICION-Requisitos de la respuesta \u00a0 \u00a0 \u00a0 La respuesta del derecho de petici\u00f3n debe cumplir con los siguientes requisitos: (i) oportunidad; (ii) lo pedido debe resolverse de fondo y manera clara, precisa y congruente con lo solicitado; y (iii) debe ser puesta en conocimiento del peticionario, a trav\u00e9s de ...<br \/><div class=\"pt-cv-rmwrap\"><a href=\"https:\/\/www.dmsjuridica.com\/buscador_20179478954\/corteconstitucionalcronologico202454587\/t-554-12\/\" class=\"_self pt-cv-readmore btn btn-success\" target=\"_self\">Ver Sentencia Completa...<\/a><\/div><\/div><\/div><\/div>\n<div class=\"col-md-12 col-sm-12 col-xs-12 pt-cv-content-item pt-cv-1-col\" ><div class='pt-cv-ifield'><a href=\"https:\/\/www.dmsjuridica.com\/buscador_20179478954\/corteconstitucionalcronologico202454587\/t-553-12\/\" class=\"_self pt-cv-href-thumbnail pt-cv-thumb-default\" target=\"_self\" ><\/a>\n<div class=\"pt-cv-taxoterm above_title\"><a href='https:\/\/www.dmsjuridica.com\/buscador_20179478954\/corteconstitucionalcronologico202454587\/category\/buscar-en-toda-la-corte\/2012\/tutelas-2012\/' title='Tutelas 2012' class='pt-cv-tax-tutelas-2012'>Tutelas 2012<\/a><\/div>\n<h4 class=\"pt-cv-title\"><a href=\"https:\/\/www.dmsjuridica.com\/buscador_20179478954\/corteconstitucionalcronologico202454587\/t-553-12\/\" class=\"_self\" target=\"_self\" >T-553-12<\/a><\/h4>\n<div class=\"pt-cv-content\">\u00a0 \u00a0 Sentencia T-553\/12 \u00a0 ACCION DE TUTELA CONTRA PROVIDENCIAS JUDICIALES-Procedencia \u00a0 DEFECTO SUSTANTIVO-Caracterizaci\u00f3n \u00a0 EL PAPEL CONSTITUCIONAL DEL JUEZ CONTENCIOSO ADMINISTRATIVO EN LOS PROCESOS SOMETIDOS A SU CONOCIMIENTO Y SU RELACION CON LA JUSTICIA ROGADA \u00a0 JUSTICIA ROGADA-Concepto \u00a0 DEBER INEXCUSABLE DE MOTIVAR ACTOS ADMINISTRATIVOS QUE DECLARAN LA INSUBSISTENCIA DE TRABAJADOR NOMBRADO EN PROVISIONALIDAD EN CARGOS DE CARRERA-Reiteraci\u00f3n de jurisprudencia \u00a0 REGIMEN ESPECIAL DE CARRERA DE LA FISCALIA GENERAL DE LA NACION-Deber de motivar actos de insubsistencia de nombramientos en provisionalidad \u00a0 ACCION DE TUTELA CONTRA PROVIDENCIAS JUDICIALES QUE DESCONOCEN EL DEBER DE MOTIVACION DE ACTOS DE RETIRO DE ...<br \/><div class=\"pt-cv-rmwrap\"><a href=\"https:\/\/www.dmsjuridica.com\/buscador_20179478954\/corteconstitucionalcronologico202454587\/t-553-12\/\" class=\"_self pt-cv-readmore btn btn-success\" target=\"_self\">Ver Sentencia Completa...<\/a><\/div><\/div><\/div><\/div>\n<div class=\"col-md-12 col-sm-12 col-xs-12 pt-cv-content-item pt-cv-1-col\" ><div class='pt-cv-ifield'><a href=\"https:\/\/www.dmsjuridica.com\/buscador_20179478954\/corteconstitucionalcronologico202454587\/t-552-12\/\" class=\"_self pt-cv-href-thumbnail pt-cv-thumb-default\" target=\"_self\" ><\/a>\n<div class=\"pt-cv-taxoterm above_title\"><a href='https:\/\/www.dmsjuridica.com\/buscador_20179478954\/corteconstitucionalcronologico202454587\/category\/buscar-en-toda-la-corte\/2012\/tutelas-2012\/' title='Tutelas 2012' class='pt-cv-tax-tutelas-2012'>Tutelas 2012<\/a><\/div>\n<h4 class=\"pt-cv-title\"><a href=\"https:\/\/www.dmsjuridica.com\/buscador_20179478954\/corteconstitucionalcronologico202454587\/t-552-12\/\" class=\"_self\" target=\"_self\" >T-552-12<\/a><\/h4>\n<div class=\"pt-cv-content\">\u00a0 \u00a0 Sentencia T-552\/12 \u00a0 DEMOCRACIA-Principio estructural del Estado constitucional \u00a0 El principio democr\u00e1tico es la base del ordenamiento jur\u00eddico colombiano y, \u00a0en esta medida todas las actividades de la administraci\u00f3n deben estar supeditadas al mismo, es decir que, la actuaci\u00f3n exigida de las autoridades es manifestaci\u00f3n del significado jur\u00eddico adquirido por la democracia en virtud de su inclusi\u00f3n en el contenido de la Constituci\u00f3n y de su car\u00e1cter de principio estructural resultante de esa formulaci\u00f3n positiva que, lejos de concebirla como una pr\u00e1ctica apenas deseable dentro del comportamiento pol\u00edtico de los colombianos, expresamente la incorpora al ordenamiento como uno ...<br \/><div class=\"pt-cv-rmwrap\"><a href=\"https:\/\/www.dmsjuridica.com\/buscador_20179478954\/corteconstitucionalcronologico202454587\/t-552-12\/\" class=\"_self pt-cv-readmore btn btn-success\" target=\"_self\">Ver Sentencia Completa...<\/a><\/div><\/div><\/div><\/div>\n<div class=\"col-md-12 col-sm-12 col-xs-12 pt-cv-content-item pt-cv-1-col\" ><div class='pt-cv-ifield'><a href=\"https:\/\/www.dmsjuridica.com\/buscador_20179478954\/corteconstitucionalcronologico202454587\/t-551-12\/\" class=\"_self pt-cv-href-thumbnail pt-cv-thumb-default\" target=\"_self\" ><\/a>\n<div class=\"pt-cv-taxoterm above_title\"><a href='https:\/\/www.dmsjuridica.com\/buscador_20179478954\/corteconstitucionalcronologico202454587\/category\/buscar-en-toda-la-corte\/2012\/tutelas-2012\/' title='Tutelas 2012' class='pt-cv-tax-tutelas-2012'>Tutelas 2012<\/a><\/div>\n<h4 class=\"pt-cv-title\"><a href=\"https:\/\/www.dmsjuridica.com\/buscador_20179478954\/corteconstitucionalcronologico202454587\/t-551-12\/\" class=\"_self\" target=\"_self\" >T-551-12<\/a><\/h4>\n<div class=\"pt-cv-content\">\u00a0 \u00a0 Sentencia T-551\/12 \u00a0 LEGITIMACION POR ACTIVA EN TUTELA \u00a0 SERVICIO MILITAR-Responsabilidad del Estado sobre j\u00f3venes reclutados \u00a0 La Corte ha se\u00f1alado de manera general y reiterada, que existen en cabeza del Estado especiales deberes de solidaridad y protecci\u00f3n a la salud de aquellos ciudadanos que habiendo ingresado al servicio de la fuerza p\u00fablica en \u00f3ptimas condiciones, presentan al momento de su retiro un serio detrimento de su estado de salud, que limita de manera considerable sus condiciones de vida y su capacidad para procurarse el propio sustento y el de sus familias, como consecuencia de hechos acaecidos durante ...<br \/><div class=\"pt-cv-rmwrap\"><a href=\"https:\/\/www.dmsjuridica.com\/buscador_20179478954\/corteconstitucionalcronologico202454587\/t-551-12\/\" class=\"_self pt-cv-readmore btn btn-success\" target=\"_self\">Ver Sentencia Completa...<\/a><\/div><\/div><\/div><\/div>\n<div class=\"col-md-12 col-sm-12 col-xs-12 pt-cv-content-item pt-cv-1-col\" ><div class='pt-cv-ifield'><a href=\"https:\/\/www.dmsjuridica.com\/buscador_20179478954\/corteconstitucionalcronologico202454587\/t-550-12\/\" class=\"_self pt-cv-href-thumbnail pt-cv-thumb-default\" target=\"_self\" ><\/a>\n<div class=\"pt-cv-taxoterm above_title\"><a href='https:\/\/www.dmsjuridica.com\/buscador_20179478954\/corteconstitucionalcronologico202454587\/category\/buscar-en-toda-la-corte\/2012\/tutelas-2012\/' title='Tutelas 2012' class='pt-cv-tax-tutelas-2012'>Tutelas 2012<\/a><\/div>\n<h4 class=\"pt-cv-title\"><a href=\"https:\/\/www.dmsjuridica.com\/buscador_20179478954\/corteconstitucionalcronologico202454587\/t-550-12\/\" class=\"_self\" target=\"_self\" >T-550-12<\/a><\/h4>\n<div class=\"pt-cv-content\">\u00a0 \u00a0 Sentencia T-550\/12 \u00a0 AUTONOMIA UNIVERSITARIA-Alcance \u00a0 AUTONOMIA UNIVERSITARIA-L\u00edmites \u00a0 DEBIDO PROCESO EN PROCESOS DISCIPLINARIOS UNIVERSITARIOS-Reiteraci\u00f3n de jurisprudencia \u00a0 DEBIDO PROCESO EN PROCESOS DISCIPLINARIOS UNIVERSITARIOS Y AUTONOMIA \u00a0UNIVERSITARIA-Potestad sancionatoria debe observar reglamentos internos y sustentarse en principios constitucionales y legales \u00a0 Esta corporaci\u00f3n ha precisado que la imposici\u00f3n de sanciones por parte de las instituciones universitarias se encuentra sujeta a ciertos requisitos especiales, para que su ejercicio sea compatible con la Constituci\u00f3n, los cuales consisten en que (i) la instituci\u00f3n cuente con un reglamento, vinculante a toda la comunidad educativa y que \u00e9ste sea compatible con la Constituci\u00f3n; (ii) ...<br \/><div class=\"pt-cv-rmwrap\"><a href=\"https:\/\/www.dmsjuridica.com\/buscador_20179478954\/corteconstitucionalcronologico202454587\/t-550-12\/\" class=\"_self pt-cv-readmore btn btn-success\" target=\"_self\">Ver Sentencia Completa...<\/a><\/div><\/div><\/div><\/div>\n<div class=\"col-md-12 col-sm-12 col-xs-12 pt-cv-content-item pt-cv-1-col\" ><div class='pt-cv-ifield'><a href=\"https:\/\/www.dmsjuridica.com\/buscador_20179478954\/corteconstitucionalcronologico202454587\/t-549-12\/\" class=\"_self pt-cv-href-thumbnail pt-cv-thumb-default\" target=\"_self\" ><\/a>\n<div class=\"pt-cv-taxoterm above_title\"><a href='https:\/\/www.dmsjuridica.com\/buscador_20179478954\/corteconstitucionalcronologico202454587\/category\/buscar-en-toda-la-corte\/2012\/tutelas-2012\/' title='Tutelas 2012' class='pt-cv-tax-tutelas-2012'>Tutelas 2012<\/a><\/div>\n<h4 class=\"pt-cv-title\"><a href=\"https:\/\/www.dmsjuridica.com\/buscador_20179478954\/corteconstitucionalcronologico202454587\/t-549-12\/\" class=\"_self\" target=\"_self\" >T-549-12<\/a><\/h4>\n<div class=\"pt-cv-content\">\u00a0 \u00a0 Sentencia T-549\/12 \u00a0 ACCION DE TUTELA-Procedencia excepcional para reconocimiento de pensi\u00f3n de vejez \u00a0 ACCION DE TUTELA PARA RECONOCIMIENTO DE PENSION DE VEJEZ-Procedencia excepcional cuando se vulneran derechos de las personas de la tercera edad \u00a0 Esta Corporaci\u00f3n ha entendido que en ciertos casos excepcionales la tutela es procedente cuando el accionante es un sujeto de especial protecci\u00f3n constitucional. Ha se\u00f1alado as\u00ed, \u00a0que las personas de la tercera edad o los adultos mayores se encuentran dentro de esa especial categor\u00eda, en raz\u00f3n a que por su avanzada edad, someterlos a la espera de un pronunciamiento de la jurisdicci\u00f3n ...<br \/><div class=\"pt-cv-rmwrap\"><a href=\"https:\/\/www.dmsjuridica.com\/buscador_20179478954\/corteconstitucionalcronologico202454587\/t-549-12\/\" class=\"_self pt-cv-readmore btn btn-success\" target=\"_self\">Ver Sentencia Completa...<\/a><\/div><\/div><\/div><\/div>\n<div class=\"col-md-12 col-sm-12 col-xs-12 pt-cv-content-item pt-cv-1-col\" ><div class='pt-cv-ifield'><a href=\"https:\/\/www.dmsjuridica.com\/buscador_20179478954\/corteconstitucionalcronologico202454587\/t-548-12\/\" class=\"_self pt-cv-href-thumbnail pt-cv-thumb-default\" target=\"_self\" ><\/a>\n<div class=\"pt-cv-taxoterm above_title\"><a href='https:\/\/www.dmsjuridica.com\/buscador_20179478954\/corteconstitucionalcronologico202454587\/category\/buscar-en-toda-la-corte\/2012\/tutelas-2012\/' title='Tutelas 2012' class='pt-cv-tax-tutelas-2012'>Tutelas 2012<\/a><\/div>\n<h4 class=\"pt-cv-title\"><a href=\"https:\/\/www.dmsjuridica.com\/buscador_20179478954\/corteconstitucionalcronologico202454587\/t-548-12\/\" class=\"_self\" target=\"_self\" >T-548-12<\/a><\/h4>\n<div class=\"pt-cv-content\">\u00a0 \u00a0 Sentencia T-548\/12 \u00a0 ACCION DE TUTELA CONTRA PARTICULARES-Procedencia \u00a0 ACCION DE TUTELA PARA OBTENER REINTEGRO LABORAL Y SUS EXCEPCIONES-Improcedencia general \u00a0 PROTECCION LABORAL REFORZADA DEL TRABAJADOR CON DISCAPACIDAD \u00a0 En ning\u00fan caso la limitaci\u00f3n de una persona, podr\u00e1 ser motivo para obstaculizar una vinculaci\u00f3n laboral, a menos que dicha limitaci\u00f3n sea claramente demostrada como incompatible e insuperable en el cargo que se va a desempe\u00f1ar. Aquellas personas con discapacidad, que fueren despedidas o su contrato terminado sin la previa autorizaci\u00f3n del Ministerio de la Protecci\u00f3n Social, tendr\u00e1n derecho a una indemnizaci\u00f3n equivalente a 180 d\u00edas de salario, sin ...<br \/><div class=\"pt-cv-rmwrap\"><a href=\"https:\/\/www.dmsjuridica.com\/buscador_20179478954\/corteconstitucionalcronologico202454587\/t-548-12\/\" class=\"_self pt-cv-readmore btn btn-success\" target=\"_self\">Ver Sentencia Completa...<\/a><\/div><\/div><\/div><\/div>\n<div class=\"col-md-12 col-sm-12 col-xs-12 pt-cv-content-item pt-cv-1-col\" ><div class='pt-cv-ifield'><a href=\"https:\/\/www.dmsjuridica.com\/buscador_20179478954\/corteconstitucionalcronologico202454587\/t-547-12\/\" class=\"_self pt-cv-href-thumbnail pt-cv-thumb-default\" target=\"_self\" ><\/a>\n<div class=\"pt-cv-taxoterm above_title\"><a href='https:\/\/www.dmsjuridica.com\/buscador_20179478954\/corteconstitucionalcronologico202454587\/category\/buscar-en-toda-la-corte\/2012\/tutelas-2012\/' title='Tutelas 2012' class='pt-cv-tax-tutelas-2012'>Tutelas 2012<\/a><\/div>\n<h4 class=\"pt-cv-title\"><a href=\"https:\/\/www.dmsjuridica.com\/buscador_20179478954\/corteconstitucionalcronologico202454587\/t-547-12\/\" class=\"_self\" target=\"_self\" >T-547-12<\/a><\/h4>\n<div class=\"pt-cv-content\">\u00a0 \u00a0 Sentencia T-547\/12 \u00a0 ACCION DE TUTELA PARA RECONOCIMIENTO DE PRESTACIONES PENSIONALES-Reglas \u00a0 DERECHO A LA PENSION DE SOBREVIVIENTES-Fundamental \u00a0 El reconocimiento y pago de la pensi\u00f3n de sobrevivientes guarda, en la mayor\u00eda de los casos, ostensible relaci\u00f3n con derechos como el m\u00ednimo vital y la vida digna, adquiriendo as\u00ed car\u00e1cter fundamental. \u00a0 APLICACION DEL REGIMEN GENERAL A LOS SECTORES QUE HACEN PARTE DE REGIMENES ESPECIALES EN PENSIONES \u00a0 REGIMEN GENERAL EN PENSION DE SOBREVIVIENTES PARA DOCENTES-Jurisprudencia del Consejo de Estado \u00a0 La finalidad de los reg\u00edmenes especiales es conceder beneficios legales a grupos determinados de trabajadores y no ...<br \/><div class=\"pt-cv-rmwrap\"><a href=\"https:\/\/www.dmsjuridica.com\/buscador_20179478954\/corteconstitucionalcronologico202454587\/t-547-12\/\" class=\"_self pt-cv-readmore btn btn-success\" target=\"_self\">Ver Sentencia Completa...<\/a><\/div><\/div><\/div><\/div>\n<div class=\"col-md-12 col-sm-12 col-xs-12 pt-cv-content-item pt-cv-1-col\" ><div class='pt-cv-ifield'><a href=\"https:\/\/www.dmsjuridica.com\/buscador_20179478954\/corteconstitucionalcronologico202454587\/t-546-12\/\" class=\"_self pt-cv-href-thumbnail pt-cv-thumb-default\" target=\"_self\" ><\/a>\n<div class=\"pt-cv-taxoterm above_title\"><a href='https:\/\/www.dmsjuridica.com\/buscador_20179478954\/corteconstitucionalcronologico202454587\/category\/buscar-en-toda-la-corte\/2012\/tutelas-2012\/' title='Tutelas 2012' class='pt-cv-tax-tutelas-2012'>Tutelas 2012<\/a><\/div>\n<h4 class=\"pt-cv-title\"><a href=\"https:\/\/www.dmsjuridica.com\/buscador_20179478954\/corteconstitucionalcronologico202454587\/t-546-12\/\" class=\"_self\" target=\"_self\" >T-546-12<\/a><\/h4>\n<div class=\"pt-cv-content\">\u00a0 \u00a0 Sentencia T-546\/12 \u00a0 ACCION DE TUTELA CONTRA FISCALIA GENERAL DE LA NACION \u00a0 DEBIDO PROCESO Y DEFENSA TECNICA-Nulidad de todo lo actuado en el proceso penal a partir de la declaratoria de persona ausente \u00a0 ACCION DE TUTELA-Inmediatez \u00a0 ACCION DE TUTELA CONTRA FISCALIA GENERAL DE LA NACION, LA DIRECCION SECCIONAL DE FISCALIAS Y LOS JUZGADOS 31 Y 33 PENALES DEL CIRCUITO DE BOGOTA- Improcedencia por cuanto no se cumple con el requisito de inmediatez\u00a0 \u00a0 Referencia: expediente T-3396643 \u00a0 Acci\u00f3n de tutela instaurada por Henry Armando S\u00e1nchez Forero, contra la Fiscal\u00eda General de la Naci\u00f3n, la Direcci\u00f3n ...<br \/><div class=\"pt-cv-rmwrap\"><a href=\"https:\/\/www.dmsjuridica.com\/buscador_20179478954\/corteconstitucionalcronologico202454587\/t-546-12\/\" class=\"_self pt-cv-readmore btn btn-success\" target=\"_self\">Ver Sentencia Completa...<\/a><\/div><\/div><\/div><\/div>\n<div class=\"col-md-12 col-sm-12 col-xs-12 pt-cv-content-item pt-cv-1-col\" ><div class='pt-cv-ifield'><a href=\"https:\/\/www.dmsjuridica.com\/buscador_20179478954\/corteconstitucionalcronologico202454587\/t-545-12\/\" class=\"_self pt-cv-href-thumbnail pt-cv-thumb-default\" target=\"_self\" ><\/a>\n<div class=\"pt-cv-taxoterm above_title\"><a href='https:\/\/www.dmsjuridica.com\/buscador_20179478954\/corteconstitucionalcronologico202454587\/category\/buscar-en-toda-la-corte\/2012\/tutelas-2012\/' title='Tutelas 2012' class='pt-cv-tax-tutelas-2012'>Tutelas 2012<\/a><\/div>\n<h4 class=\"pt-cv-title\"><a href=\"https:\/\/www.dmsjuridica.com\/buscador_20179478954\/corteconstitucionalcronologico202454587\/t-545-12\/\" class=\"_self\" target=\"_self\" >T-545-12<\/a><\/h4>\n<div class=\"pt-cv-content\">\u00a0 \u00a0 Sentencia T-545\/12\u00a0 \u00a0 AGENCIA OFICIOSA EN TUTELA\/LEGITIMACION POR ACTIVA EN TUTELA \u00a0 ACCESIBILIDAD A SERVICIOS MEDICOS REQUERIDOS CON NECESIDAD-Procedencia de la acci\u00f3n de tutela para su protecci\u00f3n \u00a0 ACCION DE TUTELA-Subsidiariedad \u00a0 DERECHOS DEL INTERNO EN CENTROS PENITENCIARIOS O CARCELARIOS \u00a0 Si bien el Estado se encuentra en la potestad de limitar algunos derechos fundamentales de las personas que se encuentra recluidas en centros penitenciarios, existen algunos que no pueden ser limitados como la vida, dignidad humana, libertad de cultos, debido proceso, habeas data, salud, entre otros. Frente a estos, el Estado obtiene un deber positivo de asegurar ...<br \/><div class=\"pt-cv-rmwrap\"><a href=\"https:\/\/www.dmsjuridica.com\/buscador_20179478954\/corteconstitucionalcronologico202454587\/t-545-12\/\" class=\"_self pt-cv-readmore btn btn-success\" target=\"_self\">Ver Sentencia Completa...<\/a><\/div><\/div><\/div><\/div>\n<div class=\"col-md-12 col-sm-12 col-xs-12 pt-cv-content-item pt-cv-1-col\" ><div class='pt-cv-ifield'><a href=\"https:\/\/www.dmsjuridica.com\/buscador_20179478954\/corteconstitucionalcronologico202454587\/t-544-12\/\" class=\"_self pt-cv-href-thumbnail pt-cv-thumb-default\" target=\"_self\" ><\/a>\n<div class=\"pt-cv-taxoterm above_title\"><a href='https:\/\/www.dmsjuridica.com\/buscador_20179478954\/corteconstitucionalcronologico202454587\/category\/buscar-en-toda-la-corte\/2012\/tutelas-2012\/' title='Tutelas 2012' class='pt-cv-tax-tutelas-2012'>Tutelas 2012<\/a><\/div>\n<h4 class=\"pt-cv-title\"><a href=\"https:\/\/www.dmsjuridica.com\/buscador_20179478954\/corteconstitucionalcronologico202454587\/t-544-12\/\" class=\"_self\" target=\"_self\" >T-544-12<\/a><\/h4>\n<div class=\"pt-cv-content\">\u00a0 \u00a0 Sentencia T-544\/12 \u00a0 ACCION DE TUTELA CONTRA PROVIDENCIAS JUDICIALES-Reiteraci\u00f3n de jurisprudencia sobre procedencia excepcional \u00a0 ACCION DE TUTELA CONTRA PROVIDENCIAS JUDICIALES-Requisitos generales y especiales de procedibilidad \u00a0 ACCION DE TUTELA CONTRA PROVIDENCIAS JUDICIALES-Improcedencia por cuanto no se cumple con el requisito de inmediatez y con el agotamiento de los medios de defensa judicial \u00a0 Referencia: Expediente T-3.326.068 \u00a0 Acci\u00f3n de Tutela instaurada por Blas Guillermo Garc\u00eda Daza contra la Sala de Casaci\u00f3n Civil de la Corte Suprema de Justicia. \u00a0 Magistrada Ponente: \u00a0 ADRIANA MAR\u00cdA GUILL\u00c9N ARANGO \u00a0 Colabor\u00f3: Javier Francisco Arenas Ferro \u00a0 \u00a0 \u00a0 \u00a0 \u00a0 ...<br \/><div class=\"pt-cv-rmwrap\"><a href=\"https:\/\/www.dmsjuridica.com\/buscador_20179478954\/corteconstitucionalcronologico202454587\/t-544-12\/\" class=\"_self pt-cv-readmore btn btn-success\" target=\"_self\">Ver Sentencia Completa...<\/a><\/div><\/div><\/div><\/div>\n<div class=\"col-md-12 col-sm-12 col-xs-12 pt-cv-content-item pt-cv-1-col\" ><div class='pt-cv-ifield'><a href=\"https:\/\/www.dmsjuridica.com\/buscador_20179478954\/corteconstitucionalcronologico202454587\/t-543-12\/\" class=\"_self pt-cv-href-thumbnail pt-cv-thumb-default\" target=\"_self\" ><\/a>\n<div class=\"pt-cv-taxoterm above_title\"><a href='https:\/\/www.dmsjuridica.com\/buscador_20179478954\/corteconstitucionalcronologico202454587\/category\/buscar-en-toda-la-corte\/2012\/tutelas-2012\/' title='Tutelas 2012' class='pt-cv-tax-tutelas-2012'>Tutelas 2012<\/a><\/div>\n<h4 class=\"pt-cv-title\"><a href=\"https:\/\/www.dmsjuridica.com\/buscador_20179478954\/corteconstitucionalcronologico202454587\/t-543-12\/\" class=\"_self\" target=\"_self\" >T-543-12<\/a><\/h4>\n<div class=\"pt-cv-content\">\u00a0 \u00a0 Sentencia T-543\/12 \u00a0 DERECHO A LA SEGURIDAD SOCIAL-Instrumentos internacionales que reconocen su importancia \u00a0 DERECHO A LA SEGURIDAD SOCIAL EN PENSIONES-Procedencia para reclamarlo mediante acci\u00f3n de tutela \u00a0 DERECHO A LA SEGURIDAD SOCIAL-Fundamental y aut\u00f3nomo \u00a0 PENSION DE VEJEZ-Posibilidad de acumular tiempo de servicio a entidades estatales y cotizaciones al ISS para reunir el n\u00famero de semanas necesarias para tener derecho a ella \u00a0 DERECHO A LA PENSION DE JUBILACION-Reconocimiento o pago no puede condicionarse a emisi\u00f3n o pago del bono pensional \u00a0 ACCION DE TUTELA CONTRA EL ISS-Reconocer la pensi\u00f3n de jubilaci\u00f3n por aportes de la Ley ...<br \/><div class=\"pt-cv-rmwrap\"><a href=\"https:\/\/www.dmsjuridica.com\/buscador_20179478954\/corteconstitucionalcronologico202454587\/t-543-12\/\" class=\"_self pt-cv-readmore btn btn-success\" target=\"_self\">Ver Sentencia Completa...<\/a><\/div><\/div><\/div><\/div>\n<div class=\"col-md-12 col-sm-12 col-xs-12 pt-cv-content-item pt-cv-1-col\" ><div class='pt-cv-ifield'><a href=\"https:\/\/www.dmsjuridica.com\/buscador_20179478954\/corteconstitucionalcronologico202454587\/t-542-12\/\" class=\"_self pt-cv-href-thumbnail pt-cv-thumb-default\" target=\"_self\" ><\/a>\n<div class=\"pt-cv-taxoterm above_title\"><a href='https:\/\/www.dmsjuridica.com\/buscador_20179478954\/corteconstitucionalcronologico202454587\/category\/buscar-en-toda-la-corte\/2012\/tutelas-2012\/' title='Tutelas 2012' class='pt-cv-tax-tutelas-2012'>Tutelas 2012<\/a><\/div>\n<h4 class=\"pt-cv-title\"><a href=\"https:\/\/www.dmsjuridica.com\/buscador_20179478954\/corteconstitucionalcronologico202454587\/t-542-12\/\" class=\"_self\" target=\"_self\" >T-542-12<\/a><\/h4>\n<div class=\"pt-cv-content\">\u00a0 \u00a0 \u00a0\u00a0 Sentencia T-542\/12 \u00a0 PRINCIPIO DE BUENA FE EN SU DIMENSION DE CONFIANZA LEGITIMA-Reiteraci\u00f3n de jurisprudencia \u00a0 La jurisprudencia de esta Corporaci\u00f3n ha indicado que, las relaciones entre sujetos jur\u00eddicos debe estar regida por el principio de buena fe, lo que implica de una parte, el deber de proceder con lealtad en las relaciones jur\u00eddicas y, de otra, el derecho a esperar que los dem\u00e1s procedan de la misma forma. Este principio irradia la actividad del Estado y de \u00e9l se derivan otros como la confianza leg\u00edtima\u00a0 \u00a0 EDUCACION-Derecho deber \u00a0 AUTONOMIA UNIVERSITARIA-Facultad para expedir reglamentos con amplio ...<br \/><div class=\"pt-cv-rmwrap\"><a href=\"https:\/\/www.dmsjuridica.com\/buscador_20179478954\/corteconstitucionalcronologico202454587\/t-542-12\/\" class=\"_self pt-cv-readmore btn btn-success\" target=\"_self\">Ver Sentencia Completa...<\/a><\/div><\/div><\/div><\/div>\n<div class=\"col-md-12 col-sm-12 col-xs-12 pt-cv-content-item pt-cv-1-col\" ><div class='pt-cv-ifield'><a href=\"https:\/\/www.dmsjuridica.com\/buscador_20179478954\/corteconstitucionalcronologico202454587\/t-532-12\/\" class=\"_self pt-cv-href-thumbnail pt-cv-thumb-default\" target=\"_self\" ><\/a>\n<div class=\"pt-cv-taxoterm above_title\"><a href='https:\/\/www.dmsjuridica.com\/buscador_20179478954\/corteconstitucionalcronologico202454587\/category\/buscar-en-toda-la-corte\/2012\/tutelas-2012\/' title='Tutelas 2012' class='pt-cv-tax-tutelas-2012'>Tutelas 2012<\/a><\/div>\n<h4 class=\"pt-cv-title\"><a href=\"https:\/\/www.dmsjuridica.com\/buscador_20179478954\/corteconstitucionalcronologico202454587\/t-532-12\/\" class=\"_self\" target=\"_self\" >T-532-12<\/a><\/h4>\n<div class=\"pt-cv-content\">\u00a0 \u00a0 Sentencia T-532\/12 \u00a0 ACCION DE TUTELA Y CARENCIA ACTUAL DE OBJETO POR HECHO SUPERADO \u00a0 Cuando el fundamento f\u00e1ctico del amparo se supera antes de iniciado el proceso ante los jueces de tutela de instancia o en el transcurso de este\u00a0y as\u00ed lo declaran en las respectivas providencias, la Sala de Revisi\u00f3n no puede exigir de ellos proceder distinto y, en consecuencia, habr\u00e1 de confirmar el fallo revisado quedando a salvo la posibilidad de que en ejercicio de su competencia y con el prop\u00f3sito de cumplir con los fines primordiales de la jurisprudencia de esta Corte, realice un ...<br \/><div class=\"pt-cv-rmwrap\"><a href=\"https:\/\/www.dmsjuridica.com\/buscador_20179478954\/corteconstitucionalcronologico202454587\/t-532-12\/\" class=\"_self pt-cv-readmore btn btn-success\" target=\"_self\">Ver Sentencia Completa...<\/a><\/div><\/div><\/div><\/div>\n<div class=\"col-md-12 col-sm-12 col-xs-12 pt-cv-content-item pt-cv-1-col\" ><div class='pt-cv-ifield'><a href=\"https:\/\/www.dmsjuridica.com\/buscador_20179478954\/corteconstitucionalcronologico202454587\/t-531-12\/\" class=\"_self pt-cv-href-thumbnail pt-cv-thumb-default\" target=\"_self\" ><\/a>\n<div class=\"pt-cv-taxoterm above_title\"><a href='https:\/\/www.dmsjuridica.com\/buscador_20179478954\/corteconstitucionalcronologico202454587\/category\/buscar-en-toda-la-corte\/2012\/tutelas-2012\/' title='Tutelas 2012' class='pt-cv-tax-tutelas-2012'>Tutelas 2012<\/a><\/div>\n<h4 class=\"pt-cv-title\"><a href=\"https:\/\/www.dmsjuridica.com\/buscador_20179478954\/corteconstitucionalcronologico202454587\/t-531-12\/\" class=\"_self\" target=\"_self\" >T-531-12<\/a><\/h4>\n<div class=\"pt-cv-content\">\u00a0 \u00a0 Sentencia T-531\/12 \u00a0 ACCION DE TUTELA-Requisitos de procedencia\/ACCION DE TUTELA-Se requiere que exista una conducta u omisi\u00f3n concreta atribuible a una autoridad o a un particular \u00a0 En cuanto a los requisitos de procedibilidad de la acci\u00f3n, uno de ellos responde a la necesidad de que exista una actuaci\u00f3n u omisi\u00f3n concreta y atribuible a una autoridad o a un particular, frente a la cual sea posible establecer la efectiva violaci\u00f3n de los derechos fundamentales que se alegan como conculcados por el peticionario. \u00a0 CONTINUIDAD EN LA PRESTACION DE LOS SERVICIOS DE SALUD-Reiteraci\u00f3n de jurisprudencia \u00a0 La continuidad ...<br \/><div class=\"pt-cv-rmwrap\"><a href=\"https:\/\/www.dmsjuridica.com\/buscador_20179478954\/corteconstitucionalcronologico202454587\/t-531-12\/\" class=\"_self pt-cv-readmore btn btn-success\" target=\"_self\">Ver Sentencia Completa...<\/a><\/div><\/div><\/div><\/div>\n<div class=\"col-md-12 col-sm-12 col-xs-12 pt-cv-content-item pt-cv-1-col\" ><div class='pt-cv-ifield'><a href=\"https:\/\/www.dmsjuridica.com\/buscador_20179478954\/corteconstitucionalcronologico202454587\/t-530-12\/\" class=\"_self pt-cv-href-thumbnail pt-cv-thumb-default\" target=\"_self\" ><\/a>\n<div class=\"pt-cv-taxoterm above_title\"><a href='https:\/\/www.dmsjuridica.com\/buscador_20179478954\/corteconstitucionalcronologico202454587\/category\/buscar-en-toda-la-corte\/2012\/tutelas-2012\/' title='Tutelas 2012' class='pt-cv-tax-tutelas-2012'>Tutelas 2012<\/a><\/div>\n<h4 class=\"pt-cv-title\"><a href=\"https:\/\/www.dmsjuridica.com\/buscador_20179478954\/corteconstitucionalcronologico202454587\/t-530-12\/\" class=\"_self\" target=\"_self\" >T-530-12<\/a><\/h4>\n<div class=\"pt-cv-content\">SERVICIOS PUBLICOS DOMICILIARIOS-R\u00e9gimen jur\u00eddico \u00a0 Los servicios p\u00fablicos estar\u00e1n sometidos al r\u00e9gimen jur\u00eddico que fije la ley, podr\u00e1n ser prestados por el Estado, directa o indirectamente, por comunidades organizadas, o por particulares. En todo caso, el Estado mantendr\u00e1 la regulaci\u00f3n, el control y la vigilancia de dichos servicios. Si por razones de soberan\u00eda o de inter\u00e9s social, el Estado, mediante ley aprobada por la mayor\u00eda de los miembros de una y otra c\u00e1mara, por iniciativa del Gobierno decide reservarse determinadas actividades estrat\u00e9gicas o servicios p\u00fablicos, deber\u00e1 indemnizar previa y plenamente a las personas que en virtud de dicha ley, queden ...<br \/><div class=\"pt-cv-rmwrap\"><a href=\"https:\/\/www.dmsjuridica.com\/buscador_20179478954\/corteconstitucionalcronologico202454587\/t-530-12\/\" class=\"_self pt-cv-readmore btn btn-success\" target=\"_self\">Ver Sentencia Completa...<\/a><\/div><\/div><\/div><\/div>\n<div class=\"col-md-12 col-sm-12 col-xs-12 pt-cv-content-item pt-cv-1-col\" ><div class='pt-cv-ifield'><a href=\"https:\/\/www.dmsjuridica.com\/buscador_20179478954\/corteconstitucionalcronologico202454587\/t-529-12\/\" class=\"_self pt-cv-href-thumbnail pt-cv-thumb-default\" target=\"_self\" ><\/a>\n<div class=\"pt-cv-taxoterm above_title\"><a href='https:\/\/www.dmsjuridica.com\/buscador_20179478954\/corteconstitucionalcronologico202454587\/category\/buscar-en-toda-la-corte\/2012\/tutelas-2012\/' title='Tutelas 2012' class='pt-cv-tax-tutelas-2012'>Tutelas 2012<\/a><\/div>\n<h4 class=\"pt-cv-title\"><a href=\"https:\/\/www.dmsjuridica.com\/buscador_20179478954\/corteconstitucionalcronologico202454587\/t-529-12\/\" class=\"_self\" target=\"_self\" >T-529-12<\/a><\/h4>\n<div class=\"pt-cv-content\"> ...<br \/><div class=\"pt-cv-rmwrap\"><a href=\"https:\/\/www.dmsjuridica.com\/buscador_20179478954\/corteconstitucionalcronologico202454587\/t-529-12\/\" class=\"_self pt-cv-readmore btn btn-success\" target=\"_self\">Ver Sentencia Completa...<\/a><\/div><\/div><\/div><\/div>\n<div class=\"col-md-12 col-sm-12 col-xs-12 pt-cv-content-item pt-cv-1-col\" ><div class='pt-cv-ifield'><a href=\"https:\/\/www.dmsjuridica.com\/buscador_20179478954\/corteconstitucionalcronologico202454587\/t-528-12\/\" class=\"_self pt-cv-href-thumbnail pt-cv-thumb-default\" target=\"_self\" ><\/a>\n<div class=\"pt-cv-taxoterm above_title\"><a href='https:\/\/www.dmsjuridica.com\/buscador_20179478954\/corteconstitucionalcronologico202454587\/category\/buscar-en-toda-la-corte\/2012\/tutelas-2012\/' title='Tutelas 2012' class='pt-cv-tax-tutelas-2012'>Tutelas 2012<\/a><\/div>\n<h4 class=\"pt-cv-title\"><a href=\"https:\/\/www.dmsjuridica.com\/buscador_20179478954\/corteconstitucionalcronologico202454587\/t-528-12\/\" class=\"_self\" target=\"_self\" >T-528-12<\/a><\/h4>\n<div class=\"pt-cv-content\">\u00a0 \u00a0 Sentencia T-528\/12 \u00a0 LEGITIMACION POR ACTIVA EN TUTELA-Requisito de procedibilidad\u00a0 \u00a0 LEGITIMACION POR PASIVA EN TUTELA-Requisito de procedibilidad \u00a0 ACCION DE TUTELA EN MATERIA PENSIONAL-Procedencia excepcional para resolver conflictos relacionados con el reconocimiento de prestaciones de car\u00e1cter pensional \u00a0 DERECHO A LA SEGURIDAD SOCIAL-En la medida en que es de importancia fundamental para garantizar a todas las personas su dignidad humana es un verdadero derecho fundamental \u00a0 El derecho a la seguridad social, dada su vinculaci\u00f3n directa con el principio de dignidad humana, tiene en realidad el car\u00e1cter de derecho fundamental, pudiendo ser objeto de protecci\u00f3n judicial, por ...<br \/><div class=\"pt-cv-rmwrap\"><a href=\"https:\/\/www.dmsjuridica.com\/buscador_20179478954\/corteconstitucionalcronologico202454587\/t-528-12\/\" class=\"_self pt-cv-readmore btn btn-success\" target=\"_self\">Ver Sentencia Completa...<\/a><\/div><\/div><\/div><\/div>\n<div class=\"col-md-12 col-sm-12 col-xs-12 pt-cv-content-item pt-cv-1-col\" ><div class='pt-cv-ifield'><a href=\"https:\/\/www.dmsjuridica.com\/buscador_20179478954\/corteconstitucionalcronologico202454587\/t-527-12\/\" class=\"_self pt-cv-href-thumbnail pt-cv-thumb-default\" target=\"_self\" ><\/a>\n<div class=\"pt-cv-taxoterm above_title\"><a href='https:\/\/www.dmsjuridica.com\/buscador_20179478954\/corteconstitucionalcronologico202454587\/category\/buscar-en-toda-la-corte\/2012\/tutelas-2012\/' title='Tutelas 2012' class='pt-cv-tax-tutelas-2012'>Tutelas 2012<\/a><\/div>\n<h4 class=\"pt-cv-title\"><a href=\"https:\/\/www.dmsjuridica.com\/buscador_20179478954\/corteconstitucionalcronologico202454587\/t-527-12\/\" class=\"_self\" target=\"_self\" >T-527-12<\/a><\/h4>\n<div class=\"pt-cv-content\">\u00a0 \u00a0 Sentencia T-527\/12 \u00a0 CUMPLIMIENTO FALLO DE TUTELA E INCIDENTE DE DESACATO-Diferencias \u00a0 ACCION DE TUTELA CONTRA PROVIDENCIA QUE RESUELVE INCIDENTE DE DESACATO\/ACCION DE TUTELA CONTRA DESACATO \u00a0 \u00a0 \u00a0 En el caso de las providencias judiciales, la acci\u00f3n de tutela proceder\u00e1 de manera excepcional cuando esta se promueva en contra de la actuaci\u00f3n judicial que resuelva un incidente de desacato, siempre y cuando en el tr\u00e1mite de \u00e9ste \u00faltimo se advierta y demuestre que tal decisi\u00f3n judicial se constituye en una causal de procedibilidad de la acci\u00f3n de tutela, en tanto afecta derechos constitucionalmente protegidos. As\u00ed, no debe ...<br \/><div class=\"pt-cv-rmwrap\"><a href=\"https:\/\/www.dmsjuridica.com\/buscador_20179478954\/corteconstitucionalcronologico202454587\/t-527-12\/\" class=\"_self pt-cv-readmore btn btn-success\" target=\"_self\">Ver Sentencia Completa...<\/a><\/div><\/div><\/div><\/div>\n<div class=\"col-md-12 col-sm-12 col-xs-12 pt-cv-content-item pt-cv-1-col\" ><div class='pt-cv-ifield'><a href=\"https:\/\/www.dmsjuridica.com\/buscador_20179478954\/corteconstitucionalcronologico202454587\/t-526-12\/\" class=\"_self pt-cv-href-thumbnail pt-cv-thumb-default\" target=\"_self\" ><\/a>\n<div class=\"pt-cv-taxoterm above_title\"><a href='https:\/\/www.dmsjuridica.com\/buscador_20179478954\/corteconstitucionalcronologico202454587\/category\/buscar-en-toda-la-corte\/2012\/tutelas-2012\/' title='Tutelas 2012' class='pt-cv-tax-tutelas-2012'>Tutelas 2012<\/a><\/div>\n<h4 class=\"pt-cv-title\"><a href=\"https:\/\/www.dmsjuridica.com\/buscador_20179478954\/corteconstitucionalcronologico202454587\/t-526-12\/\" class=\"_self\" target=\"_self\" >T-526-12<\/a><\/h4>\n<div class=\"pt-cv-content\">\u00a0 \u00a0 Sentencia T-526\/12 \u00a0 DERECHO A LA VIVIENDA DIGNA-Naturaleza jur\u00eddica \u00a0 DERECHO A LA VIDA DIGNA-Dimensi\u00f3n constitucional como derecho fundamental \u00a0 DERECHO A LA VIVIENDA DIGNA-Protecci\u00f3n internacional \u00a0 DERECHO A LA VIVIENDA DIGNA-Derecho fundamental aut\u00f3nomo \u00a0 DERECHO A LA VIVIENDA DIGNA-Contenido \u00a0 DERECHO A LA VIVIENDA DIGNA-Habitabilidad \u00a0 ACCION DE TUTELA-Procedencia para exigir la protecci\u00f3n del derecho a la vivienda digna \u00a0 DERECHO A LA VIVIENDA DIGNA Y REUBICACION EN CASOS DE ZONAS DE ALTO RIESGO-Ordenar a Alcald\u00eda reubique a accionante y su grupo familiar\u00a0 \u00a0 Referencia\u00a0: expediente T- 3.398.983 \u00a0 Derechos Tutelados: Vida y Vivienda Digna. \u00a0 Magistrado ...<br \/><div class=\"pt-cv-rmwrap\"><a href=\"https:\/\/www.dmsjuridica.com\/buscador_20179478954\/corteconstitucionalcronologico202454587\/t-526-12\/\" class=\"_self pt-cv-readmore btn btn-success\" target=\"_self\">Ver Sentencia Completa...<\/a><\/div><\/div><\/div><\/div>\n<div class=\"col-md-12 col-sm-12 col-xs-12 pt-cv-content-item pt-cv-1-col\" ><div class='pt-cv-ifield'><a href=\"https:\/\/www.dmsjuridica.com\/buscador_20179478954\/corteconstitucionalcronologico202454587\/t-525-12\/\" class=\"_self pt-cv-href-thumbnail pt-cv-thumb-default\" target=\"_self\" ><\/a>\n<div class=\"pt-cv-taxoterm above_title\"><a href='https:\/\/www.dmsjuridica.com\/buscador_20179478954\/corteconstitucionalcronologico202454587\/category\/buscar-en-toda-la-corte\/2012\/tutelas-2012\/' title='Tutelas 2012' class='pt-cv-tax-tutelas-2012'>Tutelas 2012<\/a><\/div>\n<h4 class=\"pt-cv-title\"><a href=\"https:\/\/www.dmsjuridica.com\/buscador_20179478954\/corteconstitucionalcronologico202454587\/t-525-12\/\" class=\"_self\" target=\"_self\" >T-525-12<\/a><\/h4>\n<div class=\"pt-cv-content\">\u00a0 \u00a0 Sentencia T-525\/12 \u00a0 ACCION DE TUTELA PARA EL DERECHO AL CONSUMO DE AGUA POTABLE-Procede solamente cuando se relaciona con la vida, la salud y la salubridad de las personas \u00a0 DERECHO FUNDAMENTAL AL AGUA-Protecci\u00f3n internacional \u00a0 CARENCIA ACTUAL DE OBJETO-Fen\u00f3meno que puede presentarse a partir de dos eventos que a su vez sugieren consecuencias distintas: hecho superado y da\u00f1o consumado \u00a0 CARENCIA ACTUAL DE OBJETO POR HECHO SUPERADO-Configuraci\u00f3n \u00a0 CARENCIA ACTUAL DE OBJETO POR DA\u00d1O CONSUMADO-Configuraci\u00f3n \u00a0 \u00a0No se repara la vulneraci\u00f3n del derecho, sino por el contrario, a ra\u00edz de su falta de garant\u00eda se ha ocasionado ...<br \/><div class=\"pt-cv-rmwrap\"><a href=\"https:\/\/www.dmsjuridica.com\/buscador_20179478954\/corteconstitucionalcronologico202454587\/t-525-12\/\" class=\"_self pt-cv-readmore btn btn-success\" target=\"_self\">Ver Sentencia Completa...<\/a><\/div><\/div><\/div><\/div>\n<div class=\"col-md-12 col-sm-12 col-xs-12 pt-cv-content-item pt-cv-1-col\" ><div class='pt-cv-ifield'><a href=\"https:\/\/www.dmsjuridica.com\/buscador_20179478954\/corteconstitucionalcronologico202454587\/t-524-12\/\" class=\"_self pt-cv-href-thumbnail pt-cv-thumb-default\" target=\"_self\" ><\/a>\n<div class=\"pt-cv-taxoterm above_title\"><a href='https:\/\/www.dmsjuridica.com\/buscador_20179478954\/corteconstitucionalcronologico202454587\/category\/buscar-en-toda-la-corte\/2012\/tutelas-2012\/' title='Tutelas 2012' class='pt-cv-tax-tutelas-2012'>Tutelas 2012<\/a><\/div>\n<h4 class=\"pt-cv-title\"><a href=\"https:\/\/www.dmsjuridica.com\/buscador_20179478954\/corteconstitucionalcronologico202454587\/t-524-12\/\" class=\"_self\" target=\"_self\" >T-524-12<\/a><\/h4>\n<div class=\"pt-cv-content\">\u00a0 \u00a0 Sentencia T-524\/12 \u00a0 LEGITIMACION POR ACTIVA EN TUTELA-Contenido y alcance \u00a0 La legitimaci\u00f3n en la causa por activa en los procesos de tutela se predica siempre de los titulares de los derechos fundamentales amenazados o vulnerados. Sin embargo, tal como lo ha establecido la Corte en anteriores oportunidades, a partir de las normas de la Constituci\u00f3n y del decreto 2591 de 1991, el ordenamiento jur\u00eddico colombiano permite cuatro posibilidades para la promoci\u00f3n de la acci\u00f3n de tutela. La satisfacci\u00f3n de los presupuestos legales o de los elementos normativos de alguna de estas cuatro posibilidades, permiten la configuraci\u00f3n de ...<br \/><div class=\"pt-cv-rmwrap\"><a href=\"https:\/\/www.dmsjuridica.com\/buscador_20179478954\/corteconstitucionalcronologico202454587\/t-524-12\/\" class=\"_self pt-cv-readmore btn btn-success\" target=\"_self\">Ver Sentencia Completa...<\/a><\/div><\/div><\/div><\/div>\n<div class=\"col-md-12 col-sm-12 col-xs-12 pt-cv-content-item pt-cv-1-col\" ><div class='pt-cv-ifield'><a href=\"https:\/\/www.dmsjuridica.com\/buscador_20179478954\/corteconstitucionalcronologico202454587\/t-523-12\/\" class=\"_self pt-cv-href-thumbnail pt-cv-thumb-default\" target=\"_self\" ><\/a>\n<div class=\"pt-cv-taxoterm above_title\"><a href='https:\/\/www.dmsjuridica.com\/buscador_20179478954\/corteconstitucionalcronologico202454587\/category\/buscar-en-toda-la-corte\/2012\/tutelas-2012\/' title='Tutelas 2012' class='pt-cv-tax-tutelas-2012'>Tutelas 2012<\/a><\/div>\n<h4 class=\"pt-cv-title\"><a href=\"https:\/\/www.dmsjuridica.com\/buscador_20179478954\/corteconstitucionalcronologico202454587\/t-523-12\/\" class=\"_self\" target=\"_self\" >T-523-12<\/a><\/h4>\n<div class=\"pt-cv-content\">\u00a0 \u00a0 Sentencia T-523\/12 \u00a0 ACCION DE TUTELA CONTRA DECISIONES DE AUTORIDADES DE COMUNIDADES INDIGENAS-Inexistencia de otro medio de defensa judicial \u00a0 Ha explicado la Corte que ello es as\u00ed por cuanto las comunidades y pueblos ind\u00edgenas, a trav\u00e9s de sus autoridades propias, ejercen poder sobre los miembros que las integran hasta el extremo de adoptar su propia modalidad de gobierno y de ejercer control social\"; es decir, los miembros de las comunidades ind\u00edgenas ordinariamente se encuentran frente a sus autoridades propias en situaci\u00f3n de subordinaci\u00f3n y especial sujeci\u00f3.Tambi\u00e9n ha tenido en cuenta la Corte que frente a las decisiones ...<br \/><div class=\"pt-cv-rmwrap\"><a href=\"https:\/\/www.dmsjuridica.com\/buscador_20179478954\/corteconstitucionalcronologico202454587\/t-523-12\/\" class=\"_self pt-cv-readmore btn btn-success\" target=\"_self\">Ver Sentencia Completa...<\/a><\/div><\/div><\/div><\/div>\n<div class=\"col-md-12 col-sm-12 col-xs-12 pt-cv-content-item pt-cv-1-col\" ><div class='pt-cv-ifield'><a href=\"https:\/\/www.dmsjuridica.com\/buscador_20179478954\/corteconstitucionalcronologico202454587\/t-522-12\/\" class=\"_self pt-cv-href-thumbnail pt-cv-thumb-default\" target=\"_self\" ><\/a>\n<div class=\"pt-cv-taxoterm above_title\"><a href='https:\/\/www.dmsjuridica.com\/buscador_20179478954\/corteconstitucionalcronologico202454587\/category\/buscar-en-toda-la-corte\/2012\/tutelas-2012\/' title='Tutelas 2012' class='pt-cv-tax-tutelas-2012'>Tutelas 2012<\/a><\/div>\n<h4 class=\"pt-cv-title\"><a href=\"https:\/\/www.dmsjuridica.com\/buscador_20179478954\/corteconstitucionalcronologico202454587\/t-522-12\/\" class=\"_self\" target=\"_self\" >T-522-12<\/a><\/h4>\n<div class=\"pt-cv-content\">\u00a0 \u00a0 Sentencia T-522\/12 \u00a0 ACCION DE TUTELA PARA EL RECONOCIMIENTO Y PAGO DE PENSION DE VEJEZ-Procedencia excepcional \u00a0 ADULTO MAYOR-Sujeto de especial protecci\u00f3n constitucional \u00a0 PERSONA DE LA TERCERA EDAD-Protecci\u00f3n por tutela \u00a0 ACCION DE TUTELA PARA EL RECONOCIMIENTO DE PENSION DE VEJEZ-Procedencia por vulneraci\u00f3n al debido proceso, m\u00ednimo vital y seguridad social por parte del ISS al exigir requisitos adicionales a los consagrados en la Constituci\u00f3n y la Ley para reconocimiento pensional \u00a0 DERECHO AL MINIMO VITAL, DEBIDO PROCESO Y SEGURIDAD SOCIAL-Orden al ISS para reconocer y pagar pensi\u00f3n de vejez al accionante \u00a0 Referencia: expediente T-3380216 \u00a0 ...<br \/><div class=\"pt-cv-rmwrap\"><a href=\"https:\/\/www.dmsjuridica.com\/buscador_20179478954\/corteconstitucionalcronologico202454587\/t-522-12\/\" class=\"_self pt-cv-readmore btn btn-success\" target=\"_self\">Ver Sentencia Completa...<\/a><\/div><\/div><\/div><\/div>\n<div class=\"col-md-12 col-sm-12 col-xs-12 pt-cv-content-item pt-cv-1-col\" ><div class='pt-cv-ifield'><a href=\"https:\/\/www.dmsjuridica.com\/buscador_20179478954\/corteconstitucionalcronologico202454587\/t-521-12\/\" class=\"_self pt-cv-href-thumbnail pt-cv-thumb-default\" target=\"_self\" ><\/a>\n<div class=\"pt-cv-taxoterm above_title\"><a href='https:\/\/www.dmsjuridica.com\/buscador_20179478954\/corteconstitucionalcronologico202454587\/category\/buscar-en-toda-la-corte\/2012\/tutelas-2012\/' title='Tutelas 2012' class='pt-cv-tax-tutelas-2012'>Tutelas 2012<\/a><\/div>\n<h4 class=\"pt-cv-title\"><a href=\"https:\/\/www.dmsjuridica.com\/buscador_20179478954\/corteconstitucionalcronologico202454587\/t-521-12\/\" class=\"_self\" target=\"_self\" >T-521-12<\/a><\/h4>\n<div class=\"pt-cv-content\">\u00a0 \u00a0 Sentencia T-521\/12 \u00a0 ACCION DE TUTELA CONTRA PROVIDENCIAS JUDICIALES-Requisitos generales y especiales de procedibilidad \u00a0 ACCION DE TUTELA CONTRA PROVIDENCIAS JUDICIALES-Fundamento constitucional \u00a0 El art\u00edculo 86 de la Constituci\u00f3n establece que la acci\u00f3n de tutela es un medio de defensa judicial de los derechos fundamentales cuando resulten vulnerados o amenazados por la acci\u00f3n o la omisi\u00f3n de cualquier autoridad p\u00fablica. Por lo tanto, si con una providencia se amenazan o violan derechos fundamentales, la acci\u00f3n de tutela es procedente para solicitar la protecci\u00f3n de los mismos. \u00a0 CARACTERIZACION DEL DEFECTO FACTICO COMO CAUSAL ESPECIFICA DE PROCEDIBILIDAD DE LA ...<br \/><div class=\"pt-cv-rmwrap\"><a href=\"https:\/\/www.dmsjuridica.com\/buscador_20179478954\/corteconstitucionalcronologico202454587\/t-521-12\/\" class=\"_self pt-cv-readmore btn btn-success\" target=\"_self\">Ver Sentencia Completa...<\/a><\/div><\/div><\/div><\/div>\n<div class=\"col-md-12 col-sm-12 col-xs-12 pt-cv-content-item pt-cv-1-col\" ><div class='pt-cv-ifield'><a href=\"https:\/\/www.dmsjuridica.com\/buscador_20179478954\/corteconstitucionalcronologico202454587\/t-520-12\/\" class=\"_self pt-cv-href-thumbnail pt-cv-thumb-default\" target=\"_self\" ><\/a>\n<div class=\"pt-cv-taxoterm above_title\"><a href='https:\/\/www.dmsjuridica.com\/buscador_20179478954\/corteconstitucionalcronologico202454587\/category\/buscar-en-toda-la-corte\/2012\/tutelas-2012\/' title='Tutelas 2012' class='pt-cv-tax-tutelas-2012'>Tutelas 2012<\/a><\/div>\n<h4 class=\"pt-cv-title\"><a href=\"https:\/\/www.dmsjuridica.com\/buscador_20179478954\/corteconstitucionalcronologico202454587\/t-520-12\/\" class=\"_self\" target=\"_self\" >T-520-12<\/a><\/h4>\n<div class=\"pt-cv-content\">\u00a0 \u00a0 Sentencia T-520\/12 \u00a0 DERECHO A LA SALUD-Acceso a los servicios de salud, incluidos y no incluidos dentro de los planes obligatorios \u00a0 DERECHO A LA SALUD-El acceso a los servicios de salud que se requieran, est\u00e1 especialmente garantizado a las personas que padecen enfermedades catastr\u00f3ficas o de alto costo \u00a0 DERECHO FUNDAMENTAL A LA SALUD-Oportunidad, eficacia y calidad en el acceso a los servicios de salud \u00a0 \u00a0 \u00a0 Las EPS deben garantizar que el acceso a los servicios de salud cumpla con los criterios de calidad, eficiencia, oportunidad, integralidad y continuidad; de no ser as\u00ed, se transgreden ...<br \/><div class=\"pt-cv-rmwrap\"><a href=\"https:\/\/www.dmsjuridica.com\/buscador_20179478954\/corteconstitucionalcronologico202454587\/t-520-12\/\" class=\"_self pt-cv-readmore btn btn-success\" target=\"_self\">Ver Sentencia Completa...<\/a><\/div><\/div><\/div><\/div>\n<div class=\"col-md-12 col-sm-12 col-xs-12 pt-cv-content-item pt-cv-1-col\" ><div class='pt-cv-ifield'><a href=\"https:\/\/www.dmsjuridica.com\/buscador_20179478954\/corteconstitucionalcronologico202454587\/t-519-12\/\" class=\"_self pt-cv-href-thumbnail pt-cv-thumb-default\" target=\"_self\" ><\/a>\n<div class=\"pt-cv-taxoterm above_title\"><a href='https:\/\/www.dmsjuridica.com\/buscador_20179478954\/corteconstitucionalcronologico202454587\/category\/buscar-en-toda-la-corte\/2012\/tutelas-2012\/' title='Tutelas 2012' class='pt-cv-tax-tutelas-2012'>Tutelas 2012<\/a><\/div>\n<h4 class=\"pt-cv-title\"><a href=\"https:\/\/www.dmsjuridica.com\/buscador_20179478954\/corteconstitucionalcronologico202454587\/t-519-12\/\" class=\"_self\" target=\"_self\" >T-519-12<\/a><\/h4>\n<div class=\"pt-cv-content\">\u00a0 \u00a0 Sentencia T-519\/12 \u00a0 MEDICO TRATANTE-Concepto del m\u00e9dico tratante no adscrito a la EPS resulta vinculante \u00a0 La corte consider\u00f3 que las \u00f3rdenes impartidas por los m\u00e9dicos deb\u00edan ser acatadas por la entidad encargada de prestar los servicios de salud, as\u00ed no estuvieran adscritos formalmente a su red de servicios, ello teniendo en cuenta que se trataba de profesionales de la salud reconocidos, que hac\u00edan parte del Sistema y hab\u00edan tratado al paciente al que hab\u00edan dado la orden, es decir conoc\u00edan su caso. \u00a0 DERECHO A LA SALUD-Fuerza vinculante del concepto emitido por m\u00e9dico tratante no adscrito a ...<br \/><div class=\"pt-cv-rmwrap\"><a href=\"https:\/\/www.dmsjuridica.com\/buscador_20179478954\/corteconstitucionalcronologico202454587\/t-519-12\/\" class=\"_self pt-cv-readmore btn btn-success\" target=\"_self\">Ver Sentencia Completa...<\/a><\/div><\/div><\/div><\/div>\n<div class=\"col-md-12 col-sm-12 col-xs-12 pt-cv-content-item pt-cv-1-col\" ><div class='pt-cv-ifield'><a href=\"https:\/\/www.dmsjuridica.com\/buscador_20179478954\/corteconstitucionalcronologico202454587\/t-518-12\/\" class=\"_self pt-cv-href-thumbnail pt-cv-thumb-default\" target=\"_self\" ><\/a>\n<div class=\"pt-cv-taxoterm above_title\"><a href='https:\/\/www.dmsjuridica.com\/buscador_20179478954\/corteconstitucionalcronologico202454587\/category\/buscar-en-toda-la-corte\/2012\/tutelas-2012\/' title='Tutelas 2012' class='pt-cv-tax-tutelas-2012'>Tutelas 2012<\/a><\/div>\n<h4 class=\"pt-cv-title\"><a href=\"https:\/\/www.dmsjuridica.com\/buscador_20179478954\/corteconstitucionalcronologico202454587\/t-518-12\/\" class=\"_self\" target=\"_self\" >T-518-12<\/a><\/h4>\n<div class=\"pt-cv-content\">\u00a0 \u00a0 Sentencia T-518\/12 \u00a0 ACCION DE TUTELA PARA RECONOCIMIENTO DE DERECHOS PENSIONALES-Procedencia excepcional por ser sujetos de especial protecci\u00f3n \u00a0 Si una persona que acude a la tutela para solicitar el reconocimiento de un derecho pensional, es sujeto de especial protecci\u00f3n constitucional, como sucede con las personas de la tercera edad, o a quienes por sus condiciones de vulnerabilidad econ\u00f3mica, de salud o familiares, no les es exigible acudir a otra v\u00eda judicial, y en esa medida, resulta necesario el amparo constitucional. \u00a0 PRINCIPIO DE ANALOGIA-Aplicaci\u00f3n con el derecho a la informaci\u00f3n en materia de salud \u00a0 SISTEMA DE ...<br \/><div class=\"pt-cv-rmwrap\"><a href=\"https:\/\/www.dmsjuridica.com\/buscador_20179478954\/corteconstitucionalcronologico202454587\/t-518-12\/\" class=\"_self pt-cv-readmore btn btn-success\" target=\"_self\">Ver Sentencia Completa...<\/a><\/div><\/div><\/div><\/div>\n<div class=\"col-md-12 col-sm-12 col-xs-12 pt-cv-content-item pt-cv-1-col\" ><div class='pt-cv-ifield'><a href=\"https:\/\/www.dmsjuridica.com\/buscador_20179478954\/corteconstitucionalcronologico202454587\/t-517-12\/\" class=\"_self pt-cv-href-thumbnail pt-cv-thumb-default\" target=\"_self\" ><\/a>\n<div class=\"pt-cv-taxoterm above_title\"><a href='https:\/\/www.dmsjuridica.com\/buscador_20179478954\/corteconstitucionalcronologico202454587\/category\/buscar-en-toda-la-corte\/2012\/tutelas-2012\/' title='Tutelas 2012' class='pt-cv-tax-tutelas-2012'>Tutelas 2012<\/a><\/div>\n<h4 class=\"pt-cv-title\"><a href=\"https:\/\/www.dmsjuridica.com\/buscador_20179478954\/corteconstitucionalcronologico202454587\/t-517-12\/\" class=\"_self\" target=\"_self\" >T-517-12<\/a><\/h4>\n<div class=\"pt-cv-content\">\u00a0 \u00a0 Sentencia T-517\/12 \u00a0 ACCION DE TUTELA CONTRA ECOPETROL-Caso en que la entidad suspende pago de la sustituci\u00f3n pensional con el argumento de que su reconocimiento se bas\u00f3 en una decisi\u00f3n judicial no ejecutoriada \u00a0 PRECEDENTE JUDICIAL-Respeto\u00a0 \u00a0 PRECEDENTE JUDICIAL-Jueces pueden apartarse si exponen razones que justifiquen su decisi\u00f3n\u00a0 \u00a0 PRECEDENTE Y RATIO DECIDENDI-Relaci\u00f3n \u00a0 REVOCATORIA UNILATERAL DE ACTO ADMINISTRATIVO-Prohibici\u00f3n de revocar unilateralmente derecho pensional, sin existir pronunciamiento judicial o el consentimiento expreso del beneficiario del acto \u00a0 REVOCATORIA DIRECTA DE ACTO PARTICULAR Y CONCRETO-Procedencia de la tutela para garantizar el debido proceso \u00a0 DEBIDO PROCESO-Revocaci\u00f3n pensi\u00f3n de sobrevivientes\u00a0 ...<br \/><div class=\"pt-cv-rmwrap\"><a href=\"https:\/\/www.dmsjuridica.com\/buscador_20179478954\/corteconstitucionalcronologico202454587\/t-517-12\/\" class=\"_self pt-cv-readmore btn btn-success\" target=\"_self\">Ver Sentencia Completa...<\/a><\/div><\/div><\/div><\/div>\n<div class=\"col-md-12 col-sm-12 col-xs-12 pt-cv-content-item pt-cv-1-col\" ><div class='pt-cv-ifield'><a href=\"https:\/\/www.dmsjuridica.com\/buscador_20179478954\/corteconstitucionalcronologico202454587\/t-516-12\/\" class=\"_self pt-cv-href-thumbnail pt-cv-thumb-default\" target=\"_self\" ><\/a>\n<div class=\"pt-cv-taxoterm above_title\"><a href='https:\/\/www.dmsjuridica.com\/buscador_20179478954\/corteconstitucionalcronologico202454587\/category\/buscar-en-toda-la-corte\/2012\/tutelas-2012\/' title='Tutelas 2012' class='pt-cv-tax-tutelas-2012'>Tutelas 2012<\/a><\/div>\n<h4 class=\"pt-cv-title\"><a href=\"https:\/\/www.dmsjuridica.com\/buscador_20179478954\/corteconstitucionalcronologico202454587\/t-516-12\/\" class=\"_self\" target=\"_self\" >T-516-12<\/a><\/h4>\n<div class=\"pt-cv-content\">\u00a0 \u00a0 Sentencia T-516\/12 \u00a0 ACCION DE TUTELA EN PROCESO EJECUTIVO HIPOTECARIO \u00a0 ACCION DE TUTELA PARA LA PROTECCION DEL DERECHO A LA VIVIENDA DIGNA-Reiteraci\u00f3n de jurisprudencia \u00a0 El derecho a la vivienda debe ser protegido por el juez de tutela, cuando dadas las circunstancias particulares de debilidad manifiesta en que se encuentra quien la posee, es o puede ser injustamente despojado de ella y con ello se afecta su m\u00ednimo vital o el de su familia, con el fin de otorgar una protecci\u00f3n definitiva o transitoria, a\u00fan trat\u00e1ndose de relaciones contractuales entre particulares, cuando por la acci\u00f3n o la ...<br \/><div class=\"pt-cv-rmwrap\"><a href=\"https:\/\/www.dmsjuridica.com\/buscador_20179478954\/corteconstitucionalcronologico202454587\/t-516-12\/\" class=\"_self pt-cv-readmore btn btn-success\" target=\"_self\">Ver Sentencia Completa...<\/a><\/div><\/div><\/div><\/div>\n<div class=\"col-md-12 col-sm-12 col-xs-12 pt-cv-content-item pt-cv-1-col\" ><div class='pt-cv-ifield'><a href=\"https:\/\/www.dmsjuridica.com\/buscador_20179478954\/corteconstitucionalcronologico202454587\/t-515-12\/\" class=\"_self pt-cv-href-thumbnail pt-cv-thumb-default\" target=\"_self\" ><\/a>\n<div class=\"pt-cv-taxoterm above_title\"><a href='https:\/\/www.dmsjuridica.com\/buscador_20179478954\/corteconstitucionalcronologico202454587\/category\/buscar-en-toda-la-corte\/2012\/tutelas-2012\/' title='Tutelas 2012' class='pt-cv-tax-tutelas-2012'>Tutelas 2012<\/a><\/div>\n<h4 class=\"pt-cv-title\"><a href=\"https:\/\/www.dmsjuridica.com\/buscador_20179478954\/corteconstitucionalcronologico202454587\/t-515-12\/\" class=\"_self\" target=\"_self\" >T-515-12<\/a><\/h4>\n<div class=\"pt-cv-content\">\u00a0 \u00a0 Sentencia T-515\/12 \u00a0 ACCION DE TUTELA PARA RECONOCIMIENTO DE PENSION DE SOBREVIVIENTES-Reiteraci\u00f3n de jurisprudencia sobre procedencia excepcional \u00a0 \u00a0 \u00a0 PRINCIPIO DE INMEDIATEZ-Criterios para determinar el cumplimiento a pesar de que no exista un t\u00e9rmino de caducidad de la acci\u00f3n de tutela\u00a0 \u00a0 La Corte Constitucional ha establecido que, si bien la acci\u00f3n de tutela no tiene un t\u00e9rmino de caducidad, debe interponerse en un plazo razonable a partir de la acci\u00f3n u omisi\u00f3n que se estima violatoria de los derechos fundamentales. La identificaci\u00f3n de esa acci\u00f3n u omisi\u00f3n es, entonces, el primer paso para realizar el an\u00e1lisis ...<br \/><div class=\"pt-cv-rmwrap\"><a href=\"https:\/\/www.dmsjuridica.com\/buscador_20179478954\/corteconstitucionalcronologico202454587\/t-515-12\/\" class=\"_self pt-cv-readmore btn btn-success\" target=\"_self\">Ver Sentencia Completa...<\/a><\/div><\/div><\/div><\/div>\n<div class=\"col-md-12 col-sm-12 col-xs-12 pt-cv-content-item pt-cv-1-col\" ><div class='pt-cv-ifield'><a href=\"https:\/\/www.dmsjuridica.com\/buscador_20179478954\/corteconstitucionalcronologico202454587\/t-514-12\/\" class=\"_self pt-cv-href-thumbnail pt-cv-thumb-default\" target=\"_self\" ><\/a>\n<div class=\"pt-cv-taxoterm above_title\"><a href='https:\/\/www.dmsjuridica.com\/buscador_20179478954\/corteconstitucionalcronologico202454587\/category\/buscar-en-toda-la-corte\/2012\/tutelas-2012\/' title='Tutelas 2012' class='pt-cv-tax-tutelas-2012'>Tutelas 2012<\/a><\/div>\n<h4 class=\"pt-cv-title\"><a href=\"https:\/\/www.dmsjuridica.com\/buscador_20179478954\/corteconstitucionalcronologico202454587\/t-514-12\/\" class=\"_self\" target=\"_self\" >T-514-12<\/a><\/h4>\n<div class=\"pt-cv-content\">\u00a0 \u00a0 Sentencia T-514\/12 \u00a0 DERECHOS FUNDAMENTALES DE LOS PUEBLOS INDIGENAS A LA DIVERSIDAD ETNICA Y CULTURAL-Reconocimiento y debida protecci\u00f3n \u00a0 AUTONOMIA DE LAS COMUNIDADES INDIGENAS Y OTROS PRINCIPIOS Y DERECHOS CONSTITUCIONALES-Criterios para resolver tensiones\u00a0 \u00a0 MAXIMIZACION AUTONOMIA DE COMUNIDAD INDIGENA-Naturaleza\/MINIMIZACION RESTRICCION AUTONOMIA DE COMUNIDAD INDIGENA-Naturaleza\/PRINCIPIO DE MAYOR AUTONOMIA PARA LA DECISION DE CONFLICTOS INTERNOS -Naturaleza\/PRINCIPIO A MAYOR CONSERVACION DE LA IDENTIDAD CULTURAL, MAYOR AUTONOMIA-Naturaleza \u00a0 DERECHO DE LAS COMUNIDADES INDIGENAS A LA IDENTIDAD EDUCATIVA-Derecho a recibir educaci\u00f3n especial \u00a0 Los integrantes de los grupos \u00e9tnicos tendr\u00e1n derecho a una formaci\u00f3n que respete y desarrolle su educaci\u00f3n cultural. Esto implica ...<br \/><div class=\"pt-cv-rmwrap\"><a href=\"https:\/\/www.dmsjuridica.com\/buscador_20179478954\/corteconstitucionalcronologico202454587\/t-514-12\/\" class=\"_self pt-cv-readmore btn btn-success\" target=\"_self\">Ver Sentencia Completa...<\/a><\/div><\/div><\/div><\/div>\n<div class=\"col-md-12 col-sm-12 col-xs-12 pt-cv-content-item pt-cv-1-col\" ><div class='pt-cv-ifield'><a href=\"https:\/\/www.dmsjuridica.com\/buscador_20179478954\/corteconstitucionalcronologico202454587\/t-513-12\/\" class=\"_self pt-cv-href-thumbnail pt-cv-thumb-default\" target=\"_self\" ><\/a>\n<div class=\"pt-cv-taxoterm above_title\"><a href='https:\/\/www.dmsjuridica.com\/buscador_20179478954\/corteconstitucionalcronologico202454587\/category\/buscar-en-toda-la-corte\/2012\/tutelas-2012\/' title='Tutelas 2012' class='pt-cv-tax-tutelas-2012'>Tutelas 2012<\/a><\/div>\n<h4 class=\"pt-cv-title\"><a href=\"https:\/\/www.dmsjuridica.com\/buscador_20179478954\/corteconstitucionalcronologico202454587\/t-513-12\/\" class=\"_self\" target=\"_self\" >T-513-12<\/a><\/h4>\n<div class=\"pt-cv-content\">\u00a0 \u00a0 \u00a0\u00a0 Sentencia T-513\/12 \u00a0 COMUNIDAD INDIGENA-Sujeto de derechos fundamentales \u00a0 DIVERSIDAD ETNICA Y CULTURAL-Protecci\u00f3n constitucional \u00a0 La jurisprudencia constitucional ha concluido que la protecci\u00f3n del principio de diversidad \u00e9tnica y cultural obliga a, entre otros, los siguientes reconocimientos: (i) Que las comunidades ind\u00edgenas son sujetos de derechos fundamentales; (ii) Que esos derechos no son equivalentes a los derechos individuales de cada uno de sus miembros ni a la sumatoria de estos; (iii) Que los derechos de las comunidades ind\u00edgenas no son asimilables a los derechos colectivos de otros grupos humanos. \u00a0 COMUNIDAD INDIGENA-Importancia del territorio como elemento esencial ...<br \/><div class=\"pt-cv-rmwrap\"><a href=\"https:\/\/www.dmsjuridica.com\/buscador_20179478954\/corteconstitucionalcronologico202454587\/t-513-12\/\" class=\"_self pt-cv-readmore btn btn-success\" target=\"_self\">Ver Sentencia Completa...<\/a><\/div><\/div><\/div><\/div>\n<div class=\"col-md-12 col-sm-12 col-xs-12 pt-cv-content-item pt-cv-1-col\" ><div class='pt-cv-ifield'><a href=\"https:\/\/www.dmsjuridica.com\/buscador_20179478954\/corteconstitucionalcronologico202454587\/t-512-12\/\" class=\"_self pt-cv-href-thumbnail pt-cv-thumb-default\" target=\"_self\" ><\/a>\n<div class=\"pt-cv-taxoterm above_title\"><a href='https:\/\/www.dmsjuridica.com\/buscador_20179478954\/corteconstitucionalcronologico202454587\/category\/buscar-en-toda-la-corte\/2012\/tutelas-2012\/' title='Tutelas 2012' class='pt-cv-tax-tutelas-2012'>Tutelas 2012<\/a><\/div>\n<h4 class=\"pt-cv-title\"><a href=\"https:\/\/www.dmsjuridica.com\/buscador_20179478954\/corteconstitucionalcronologico202454587\/t-512-12\/\" class=\"_self\" target=\"_self\" >T-512-12<\/a><\/h4>\n<div class=\"pt-cv-content\">\u00a0 \u00a0 Sentencia T-512\/12 \u00a0 DERECHO FUNDAMENTAL A LA SEGURIDAD SOCIAL Y PROTECCION POR MEDIO DE ACCION DE TUTELA-Reiteraci\u00f3n de jurisprudencia \u00a0 CONFIGURACION NORMATIVA DEL DERECHO A LA SEGURIDAD SOCIAL-En el texto constitucional, art\u00edculo 49 superior, y en los tratados internacionales que hacen parte del bloque de constitucionalidad \u00a0 DERECHO A LA SEGURIDAD SOCIAL-Categor\u00eda iusfundamental\u00a0 \u00a0 PRINCIPIO DE BUENA FE-Concepto \u00a0 En general, los hombres proceden de buena fe: es lo que usualmente ocurre. Adem\u00e1s, el proceder de mala fe, cuando media una relaci\u00f3n jur\u00eddica, en principio constituye una conducta contraria al orden jur\u00eddico y sancionada por \u00e9ste. En consecuencia, ...<br \/><div class=\"pt-cv-rmwrap\"><a href=\"https:\/\/www.dmsjuridica.com\/buscador_20179478954\/corteconstitucionalcronologico202454587\/t-512-12\/\" class=\"_self pt-cv-readmore btn btn-success\" target=\"_self\">Ver Sentencia Completa...<\/a><\/div><\/div><\/div><\/div>\n<div class=\"col-md-12 col-sm-12 col-xs-12 pt-cv-content-item pt-cv-1-col\" ><div class='pt-cv-ifield'><a href=\"https:\/\/www.dmsjuridica.com\/buscador_20179478954\/corteconstitucionalcronologico202454587\/t-511-12\/\" class=\"_self pt-cv-href-thumbnail pt-cv-thumb-default\" target=\"_self\" ><\/a>\n<div class=\"pt-cv-taxoterm above_title\"><a href='https:\/\/www.dmsjuridica.com\/buscador_20179478954\/corteconstitucionalcronologico202454587\/category\/buscar-en-toda-la-corte\/2012\/tutelas-2012\/' title='Tutelas 2012' class='pt-cv-tax-tutelas-2012'>Tutelas 2012<\/a><\/div>\n<h4 class=\"pt-cv-title\"><a href=\"https:\/\/www.dmsjuridica.com\/buscador_20179478954\/corteconstitucionalcronologico202454587\/t-511-12\/\" class=\"_self\" target=\"_self\" >T-511-12<\/a><\/h4>\n<div class=\"pt-cv-content\">PRINCIPIO DE SUBSIDIARIEDAD DE LA ACCION DE TUTELA-Procedencia excepcional como mecanismo transitorio para evitar un perjuicio irremediable\u00a0 \u00a0 PRINCIPIO DE SUBSIDIARIEDAD DE LA ACCION DE TUTELA ANTE LA EXISTENCIA DE MECANISMOS DE DEFENSA JUDICIAL PERTINENTES-Reiteraci\u00f3n de jurisprudencia \u00a0 ACCION DE TUTELA A PESAR DE EXISTIR OTROS MECANISMOS DE DEFENSA JUDICIAL-Procedencia toda vez que los mecanismos ordinarios de defensa judicial con los que cuenta el accionante resultan ineficaces\u00a0 \u00a0 DEBIDO PROCESO ADMINISTRATIVO-Definici\u00f3n \u00a0 La Corte se ha referido el debido proceso administrativo como \u2018(i) el conjunto complejo de condiciones que le impone la ley a la administraci\u00f3n, materializado en el cumplimiento ...<br \/><div class=\"pt-cv-rmwrap\"><a href=\"https:\/\/www.dmsjuridica.com\/buscador_20179478954\/corteconstitucionalcronologico202454587\/t-511-12\/\" class=\"_self pt-cv-readmore btn btn-success\" target=\"_self\">Ver Sentencia Completa...<\/a><\/div><\/div><\/div><\/div>\n<div class=\"col-md-12 col-sm-12 col-xs-12 pt-cv-content-item pt-cv-1-col\" ><div class='pt-cv-ifield'><a href=\"https:\/\/www.dmsjuridica.com\/buscador_20179478954\/corteconstitucionalcronologico202454587\/t-510-12\/\" class=\"_self pt-cv-href-thumbnail pt-cv-thumb-default\" target=\"_self\" ><\/a>\n<div class=\"pt-cv-taxoterm above_title\"><a href='https:\/\/www.dmsjuridica.com\/buscador_20179478954\/corteconstitucionalcronologico202454587\/category\/buscar-en-toda-la-corte\/2012\/tutelas-2012\/' title='Tutelas 2012' class='pt-cv-tax-tutelas-2012'>Tutelas 2012<\/a><\/div>\n<h4 class=\"pt-cv-title\"><a href=\"https:\/\/www.dmsjuridica.com\/buscador_20179478954\/corteconstitucionalcronologico202454587\/t-510-12\/\" class=\"_self\" target=\"_self\" >T-510-12<\/a><\/h4>\n<div class=\"pt-cv-content\">\u00a0 \u00a0 Sentencia T-510\/12 \u00a0 REPOSICION DE VEHICULO TIPO TAXI-Marco normativo\/CUPO DE VEHICULO DE SERVICIO PUBLICO\/MATRICULA DE VEHICULO TIPO TAXI\u00a0 \u00a0 DERECHO FUNDAMENTAL DE PETICION-Se encuentra reflejado tanto en la expresi\u00f3n escrita como en la verbal y su resoluci\u00f3n debe atenderse de la misma manera\/DERECHO DE PETICION VERBAL-Aunque no aparece en la base de datos s\u00ed fue respondido y de manera verbal durante la cita que el demandante solicit\u00f3 \u00a0 Resulta evidente que el orden constitucional colombiano ampara las expresiones verbales del derecho de petici\u00f3n y no se otorga trato diferente al de las solicitudes escritas. En efecto, el derecho ...<br \/><div class=\"pt-cv-rmwrap\"><a href=\"https:\/\/www.dmsjuridica.com\/buscador_20179478954\/corteconstitucionalcronologico202454587\/t-510-12\/\" class=\"_self pt-cv-readmore btn btn-success\" target=\"_self\">Ver Sentencia Completa...<\/a><\/div><\/div><\/div><\/div>\n<div class=\"col-md-12 col-sm-12 col-xs-12 pt-cv-content-item pt-cv-1-col\" ><div class='pt-cv-ifield'><a href=\"https:\/\/www.dmsjuridica.com\/buscador_20179478954\/corteconstitucionalcronologico202454587\/t-509-12\/\" class=\"_self pt-cv-href-thumbnail pt-cv-thumb-default\" target=\"_self\" ><\/a>\n<div class=\"pt-cv-taxoterm above_title\"><a href='https:\/\/www.dmsjuridica.com\/buscador_20179478954\/corteconstitucionalcronologico202454587\/category\/buscar-en-toda-la-corte\/2012\/tutelas-2012\/' title='Tutelas 2012' class='pt-cv-tax-tutelas-2012'>Tutelas 2012<\/a><\/div>\n<h4 class=\"pt-cv-title\"><a href=\"https:\/\/www.dmsjuridica.com\/buscador_20179478954\/corteconstitucionalcronologico202454587\/t-509-12\/\" class=\"_self\" target=\"_self\" >T-509-12<\/a><\/h4>\n<div class=\"pt-cv-content\">\u00a0 \u00a0 Sentencia T-509\/12 \u00a0 ACCION DE TUTELA-Procedencia excepcional para ordenar reintegro laboral en los casos de estabilidad laboral reforzada \u00a0 La acci\u00f3n de tutela no es el mecanismo id\u00f3neo para solicitar el reintegro laboral, sin miramientos a la causa que gener\u00f3 la terminaci\u00f3n de la vinculaci\u00f3n respectiva, al existir como mecanismos establecidos la jurisdicci\u00f3n ordinaria laboral o la contencioso administrativa, seg\u00fan la forma de vinculaci\u00f3n del interesado, salvo que se trate de sujetos en condici\u00f3n de debilidad manifiesta, como aqu\u00e9llos a quienes constitucionalmente se les protege con una estabilidad laboral reforzada. \u00a0 DERECHO A LA ESTABILIDAD LABORAL REFORZADA DE ...<br \/><div class=\"pt-cv-rmwrap\"><a href=\"https:\/\/www.dmsjuridica.com\/buscador_20179478954\/corteconstitucionalcronologico202454587\/t-509-12\/\" class=\"_self pt-cv-readmore btn btn-success\" target=\"_self\">Ver Sentencia Completa...<\/a><\/div><\/div><\/div><\/div>\n<div class=\"col-md-12 col-sm-12 col-xs-12 pt-cv-content-item pt-cv-1-col\" ><div class='pt-cv-ifield'><a href=\"https:\/\/www.dmsjuridica.com\/buscador_20179478954\/corteconstitucionalcronologico202454587\/t-508-12\/\" class=\"_self pt-cv-href-thumbnail pt-cv-thumb-default\" target=\"_self\" ><\/a>\n<div class=\"pt-cv-taxoterm above_title\"><a href='https:\/\/www.dmsjuridica.com\/buscador_20179478954\/corteconstitucionalcronologico202454587\/category\/buscar-en-toda-la-corte\/2012\/tutelas-2012\/' title='Tutelas 2012' class='pt-cv-tax-tutelas-2012'>Tutelas 2012<\/a><\/div>\n<h4 class=\"pt-cv-title\"><a href=\"https:\/\/www.dmsjuridica.com\/buscador_20179478954\/corteconstitucionalcronologico202454587\/t-508-12\/\" class=\"_self\" target=\"_self\" >T-508-12<\/a><\/h4>\n<div class=\"pt-cv-content\">\u00a0 \u00a0 Sentencia T-508\/12 \u00a0 ACCION DE TUTELA CONTRA LA POLICIA NACIONAL-Retiro del servicio activo por disminuci\u00f3n de capacidad psicof\u00edsica \u00a0 PRINCIPIO DE INMEDIATEZ EN ACCION DE TUTELA-T\u00e9rmino razonable y oportuno \u00a0 Esta Corte ha insistido en que la formulaci\u00f3n de la acci\u00f3n de tutela debe realizarse en un t\u00e9rmino razonable desde la configuraci\u00f3n del acto o de la omisi\u00f3n que amenaza o que vulnera alg\u00fan derecho fundamental.\u00a0 \u00a0 LEGITIMACION POR PASIVA EN TUTELA-Debe desplegar conducta activa u omisiva para el proceder del mecanismo judicial \u00a0 El sujeto pasivo de la acci\u00f3n debe haber amenazado o vulnerado alg\u00fan derecho fundamental ...<br \/><div class=\"pt-cv-rmwrap\"><a href=\"https:\/\/www.dmsjuridica.com\/buscador_20179478954\/corteconstitucionalcronologico202454587\/t-508-12\/\" class=\"_self pt-cv-readmore btn btn-success\" target=\"_self\">Ver Sentencia Completa...<\/a><\/div><\/div><\/div><\/div>\n<div class=\"col-md-12 col-sm-12 col-xs-12 pt-cv-content-item pt-cv-1-col\" ><div class='pt-cv-ifield'><a href=\"https:\/\/www.dmsjuridica.com\/buscador_20179478954\/corteconstitucionalcronologico202454587\/t-507-12\/\" class=\"_self pt-cv-href-thumbnail pt-cv-thumb-default\" target=\"_self\" ><\/a>\n<div class=\"pt-cv-taxoterm above_title\"><a href='https:\/\/www.dmsjuridica.com\/buscador_20179478954\/corteconstitucionalcronologico202454587\/category\/buscar-en-toda-la-corte\/2012\/tutelas-2012\/' title='Tutelas 2012' class='pt-cv-tax-tutelas-2012'>Tutelas 2012<\/a><\/div>\n<h4 class=\"pt-cv-title\"><a href=\"https:\/\/www.dmsjuridica.com\/buscador_20179478954\/corteconstitucionalcronologico202454587\/t-507-12\/\" class=\"_self\" target=\"_self\" >T-507-12<\/a><\/h4>\n<div class=\"pt-cv-content\">\u00a0 \u00a0 T-507\/12 \u00a0 PROCEDENCIA DE LA ACCION DE TUTELA EN TEMAS DE CONCURSO DE MERITOS \u00a0 Cuando se pretende la protecci\u00f3n de los derechos a la igualdad, al debido proceso, al trabajo y al acceso a cargos p\u00fablicos frente al desconocimiento de las reglas del concurso, especialmente dada la negativa de la administraci\u00f3n de nombrar a quien ha ocupado el primer puesto, la tutela es procedente aunque exista otro mecanismo de defensa. Dicha procedencia excepciona la subsidiariedad de la tutela, dado que, al realizar un estudio del medio de defensa principal ante la Jurisdicci\u00f3n de lo Contencioso Administrativo, se ...<br \/><div class=\"pt-cv-rmwrap\"><a href=\"https:\/\/www.dmsjuridica.com\/buscador_20179478954\/corteconstitucionalcronologico202454587\/t-507-12\/\" class=\"_self pt-cv-readmore btn btn-success\" target=\"_self\">Ver Sentencia Completa...<\/a><\/div><\/div><\/div><\/div>\n<div class=\"col-md-12 col-sm-12 col-xs-12 pt-cv-content-item pt-cv-1-col\" ><div class='pt-cv-ifield'><a href=\"https:\/\/www.dmsjuridica.com\/buscador_20179478954\/corteconstitucionalcronologico202454587\/t-506-12\/\" class=\"_self pt-cv-href-thumbnail pt-cv-thumb-default\" target=\"_self\" ><\/a>\n<div class=\"pt-cv-taxoterm above_title\"><a href='https:\/\/www.dmsjuridica.com\/buscador_20179478954\/corteconstitucionalcronologico202454587\/category\/buscar-en-toda-la-corte\/2012\/tutelas-2012\/' title='Tutelas 2012' class='pt-cv-tax-tutelas-2012'>Tutelas 2012<\/a><\/div>\n<h4 class=\"pt-cv-title\"><a href=\"https:\/\/www.dmsjuridica.com\/buscador_20179478954\/corteconstitucionalcronologico202454587\/t-506-12\/\" class=\"_self\" target=\"_self\" >T-506-12<\/a><\/h4>\n<div class=\"pt-cv-content\">\u00a0 \u00a0 Sentencia T-506\/12 \u00a0 PENSION DE INVALIDEZ A PERSONA JOVEN-Caso en que fue negada porque no contaba con 50 semanas de cotizaci\u00f3n en los \u00faltimos 3 a\u00f1os anteriores a la fecha de estructuraci\u00f3n\u00a0 \u00a0 PENSION DE INVALIDEZ Y PROCEDENCIA POR MEDIO DE ACCION DE TUTELA CUANDO SE TRATA DE SUJETOS DE ESPECIAL PROTECCION CONSTITUCIONAL-Reiteraci\u00f3n de jurisprudencia \u00a0 PENSION DE INVALIDEZ COMO PARTE INTEGRAL DEL DERECHO A LA SEGURIDAD SOCIAL Y COMO MATERIALIZACION DEL PRINCIPIO DE SOLIDARIDAD \u00a0 REGIMEN JURIDICO DE PENSION DE INVALIDEZ CUANDO EL AFECTADO ES UNA PERSONA JOVEN\u00a0 \u00a0 PRECEDENTE JURISPRUDENCIAL DE LA CORTE CONSTITUCIONAL EN MATERIA ...<br \/><div class=\"pt-cv-rmwrap\"><a href=\"https:\/\/www.dmsjuridica.com\/buscador_20179478954\/corteconstitucionalcronologico202454587\/t-506-12\/\" class=\"_self pt-cv-readmore btn btn-success\" target=\"_self\">Ver Sentencia Completa...<\/a><\/div><\/div><\/div><\/div>\n<div class=\"col-md-12 col-sm-12 col-xs-12 pt-cv-content-item pt-cv-1-col\" ><div class='pt-cv-ifield'><a href=\"https:\/\/www.dmsjuridica.com\/buscador_20179478954\/corteconstitucionalcronologico202454587\/t-505-12\/\" class=\"_self pt-cv-href-thumbnail pt-cv-thumb-default\" target=\"_self\" ><\/a>\n<div class=\"pt-cv-taxoterm above_title\"><a href='https:\/\/www.dmsjuridica.com\/buscador_20179478954\/corteconstitucionalcronologico202454587\/category\/buscar-en-toda-la-corte\/2012\/tutelas-2012\/' title='Tutelas 2012' class='pt-cv-tax-tutelas-2012'>Tutelas 2012<\/a><\/div>\n<h4 class=\"pt-cv-title\"><a href=\"https:\/\/www.dmsjuridica.com\/buscador_20179478954\/corteconstitucionalcronologico202454587\/t-505-12\/\" class=\"_self\" target=\"_self\" >T-505-12<\/a><\/h4>\n<div class=\"pt-cv-content\">\u00a0 \u00a0 Sentencia T-505\/12 \u00a0 DERECHO A LA SALUD Y PAGO DE SERVICIO DE TRANSPORTE PARA ACCEDER A SERVICIO DE SALUD EN CIUDAD DIFERENTE A LA QUE RESIDE \u00a0 DERECHO A LA SALUD Y PRINCIPIOS DE EFICIENCIA Y CONTINUIDAD-Deber excepcional de asumir gastos de transporte \u00a0 TRASLADOS Y GASTOS DE TRANSPORTE A PACIENTES Y ACOMPA\u00d1ANTES\u00a0 \u00a0 A la luz de esta jurisprudencia y atendiendo el principio de integralidad, el transporte en salud es susceptible de protecci\u00f3n constitucional y toda persona tiene derecho a que se remuevan las barreras y obst\u00e1culos que le impidan acceder a los servicios de salud que ...<br \/><div class=\"pt-cv-rmwrap\"><a href=\"https:\/\/www.dmsjuridica.com\/buscador_20179478954\/corteconstitucionalcronologico202454587\/t-505-12\/\" class=\"_self pt-cv-readmore btn btn-success\" target=\"_self\">Ver Sentencia Completa...<\/a><\/div><\/div><\/div><\/div>\n<div class=\"col-md-12 col-sm-12 col-xs-12 pt-cv-content-item pt-cv-1-col\" ><div class='pt-cv-ifield'><a href=\"https:\/\/www.dmsjuridica.com\/buscador_20179478954\/corteconstitucionalcronologico202454587\/t-504-12\/\" class=\"_self pt-cv-href-thumbnail pt-cv-thumb-default\" target=\"_self\" ><\/a>\n<div class=\"pt-cv-taxoterm above_title\"><a href='https:\/\/www.dmsjuridica.com\/buscador_20179478954\/corteconstitucionalcronologico202454587\/category\/buscar-en-toda-la-corte\/2012\/tutelas-2012\/' title='Tutelas 2012' class='pt-cv-tax-tutelas-2012'>Tutelas 2012<\/a><\/div>\n<h4 class=\"pt-cv-title\"><a href=\"https:\/\/www.dmsjuridica.com\/buscador_20179478954\/corteconstitucionalcronologico202454587\/t-504-12\/\" class=\"_self\" target=\"_self\" >T-504-12<\/a><\/h4>\n<div class=\"pt-cv-content\">\u00a0 \u00a0 Sentencia T-504\/12 \u00a0 \u00a0 \u00a0 \u00a0 \u00a0 ACCION DE TUTELA-Car\u00e1cter subsidiario\u00a0 \u00a0 SERVICIOS PUBLICOS DOMICILIARIOS-Protecci\u00f3n por v\u00eda de acci\u00f3n de tutela cuando se afectan derechos fundamentales \u00a0 \u00a0 PROCEDENCIA DE LA ACCION DE TUTELA EN EL CASO DE OBRAS DE ALCANTARILLADO-Es indispensable que est\u00e9 debidamente probada la violaci\u00f3n o amenaza a los derechos fundamentales \u00a0 ACCION DE TUTELA CONTRA EMPRESA DE ACUEDUCTO Y ALCANTARILLADO DE BOGOTA-Improcedencia por no existir vulneraci\u00f3n o amenaza a los derechos fundamentales del actor \u00a0 De acuerdo con estos hechos y con la jurisprudencia constitucional antes analizada, la Empresa de Acueducto, Agua y Alcantarillado ...<br \/><div class=\"pt-cv-rmwrap\"><a href=\"https:\/\/www.dmsjuridica.com\/buscador_20179478954\/corteconstitucionalcronologico202454587\/t-504-12\/\" class=\"_self pt-cv-readmore btn btn-success\" target=\"_self\">Ver Sentencia Completa...<\/a><\/div><\/div><\/div><\/div>\n<div class=\"col-md-12 col-sm-12 col-xs-12 pt-cv-content-item pt-cv-1-col\" ><div class='pt-cv-ifield'><a href=\"https:\/\/www.dmsjuridica.com\/buscador_20179478954\/corteconstitucionalcronologico202454587\/t-503-12\/\" class=\"_self pt-cv-href-thumbnail pt-cv-thumb-default\" target=\"_self\" ><\/a>\n<div class=\"pt-cv-taxoterm above_title\"><a href='https:\/\/www.dmsjuridica.com\/buscador_20179478954\/corteconstitucionalcronologico202454587\/category\/buscar-en-toda-la-corte\/2012\/tutelas-2012\/' title='Tutelas 2012' class='pt-cv-tax-tutelas-2012'>Tutelas 2012<\/a><\/div>\n<h4 class=\"pt-cv-title\"><a href=\"https:\/\/www.dmsjuridica.com\/buscador_20179478954\/corteconstitucionalcronologico202454587\/t-503-12\/\" class=\"_self\" target=\"_self\" >T-503-12<\/a><\/h4>\n<div class=\"pt-cv-content\">\u00a0 \u00a0 Sentencia T-503\/12 \u00a0 DERECHO A LA SALUD COMO DERECHO FUNDAMENTAL AUTONOMO-Reiteraci\u00f3n de jurisprudencia \u00a0 REGLAS PARA INAPLICAR LOS PRECEPTOS DEL POS \u00a0 CARGA DE LA PRUEBA EN MATERIA DE TUTELA \u00a0 El ciudadano que interponga un amparo constitucional por considerar violados sus derechos fundamentales, tiene la carga de la prueba y por ello se encuentra compelido a demostrar sus aseveraciones con el fin de que el juez constitucional tenga certeza de los hechos reales al momento de proferir el fallo1. Todo ello, por supuesto sin desconocer las atribuciones y deberes del juez de tutela \u00a0 DERECHO A LA ...<br \/><div class=\"pt-cv-rmwrap\"><a href=\"https:\/\/www.dmsjuridica.com\/buscador_20179478954\/corteconstitucionalcronologico202454587\/t-503-12\/\" class=\"_self pt-cv-readmore btn btn-success\" target=\"_self\">Ver Sentencia Completa...<\/a><\/div><\/div><\/div><\/div>\n<div class=\"col-md-12 col-sm-12 col-xs-12 pt-cv-content-item pt-cv-1-col\" ><div class='pt-cv-ifield'><a href=\"https:\/\/www.dmsjuridica.com\/buscador_20179478954\/corteconstitucionalcronologico202454587\/t-501-12\/\" class=\"_self pt-cv-href-thumbnail pt-cv-thumb-default\" target=\"_self\" ><\/a>\n<div class=\"pt-cv-taxoterm above_title\"><a href='https:\/\/www.dmsjuridica.com\/buscador_20179478954\/corteconstitucionalcronologico202454587\/category\/buscar-en-toda-la-corte\/2012\/tutelas-2012\/' title='Tutelas 2012' class='pt-cv-tax-tutelas-2012'>Tutelas 2012<\/a><\/div>\n<h4 class=\"pt-cv-title\"><a href=\"https:\/\/www.dmsjuridica.com\/buscador_20179478954\/corteconstitucionalcronologico202454587\/t-501-12\/\" class=\"_self\" target=\"_self\" >T-501-12<\/a><\/h4>\n<div class=\"pt-cv-content\">\u00a0 \u00a0 Sentencia T-501\/12 \u00a0 ACCION DE TUTELA CONTRA PARTICULARES-Condiciones de procedibilidad\u00a0 \u00a0 DERECHO A LA VIVIENDA DIGNA EN CONJUNTO RESIDENCIAL-Inestabilidad del terreno \u00a0 ACCION DE TUTELA-Existencia de negocio jur\u00eddico suscrito entre particulares excluye la procedencia\/ACCION DE TUTELA-Se justifica cuando las condiciones de hecho var\u00edan el equilibrio contractual y configuran una situaci\u00f3n de indefensi\u00f3n\/CONTRATO DE DERECHO PRIVADO-Condiciones de desigualdad en la ejecuci\u00f3n de un negocio o acto jur\u00eddico y grados de intensidad de la acci\u00f3n de tutela \u00a0 \u00a0 \u00a0 DERECHO A LA VIVIENDA DIGNA-Naturaleza prestacional y excepcional\/ DERECHO A LA VIVIENDA DIGNA-Fundamental\/DERECHO A LA VIVIENDA DIGNA-Obligaciones generales para el ...<br \/><div class=\"pt-cv-rmwrap\"><a href=\"https:\/\/www.dmsjuridica.com\/buscador_20179478954\/corteconstitucionalcronologico202454587\/t-501-12\/\" class=\"_self pt-cv-readmore btn btn-success\" target=\"_self\">Ver Sentencia Completa...<\/a><\/div><\/div><\/div><\/div>\n<div class=\"col-md-12 col-sm-12 col-xs-12 pt-cv-content-item pt-cv-1-col\" ><div class='pt-cv-ifield'><a href=\"https:\/\/www.dmsjuridica.com\/buscador_20179478954\/corteconstitucionalcronologico202454587\/t-500-12\/\" class=\"_self pt-cv-href-thumbnail pt-cv-thumb-default\" target=\"_self\" ><\/a>\n<div class=\"pt-cv-taxoterm above_title\"><a href='https:\/\/www.dmsjuridica.com\/buscador_20179478954\/corteconstitucionalcronologico202454587\/category\/buscar-en-toda-la-corte\/2012\/tutelas-2012\/' title='Tutelas 2012' class='pt-cv-tax-tutelas-2012'>Tutelas 2012<\/a><\/div>\n<h4 class=\"pt-cv-title\"><a href=\"https:\/\/www.dmsjuridica.com\/buscador_20179478954\/corteconstitucionalcronologico202454587\/t-500-12\/\" class=\"_self\" target=\"_self\" >T-500-12<\/a><\/h4>\n<div class=\"pt-cv-content\">\u00a0 \u00a0 Sentencia T-500\/12 \u00a0 DERECHO DE ACCESO A UNA INSTITUCION EDUCATIVA DIGNA-Infraestructura f\u00edsica\/DERECHO DE ACCESO A UNA INSTITUCION EDUCATIVA DIGNA-Caso en que menores de una vereda reciben educaci\u00f3n en un rancho de bahareque y tejas de zinc que est\u00e1 ubicado en zona de reserva ambiental protegida \u00a0 Es importante mencionar, frente al tema de instituciones educativas, que existe un programa llamado \u201caulas ambientales\u201d, que involucra el buen cuidado de la naturaleza y el aprovechamiento de los recursos de la academia, para brindar armon\u00eda en la culturizaci\u00f3n de las nuevas generaciones y el ambiente que los rodea. Dichas aulas son ...<br \/><div class=\"pt-cv-rmwrap\"><a href=\"https:\/\/www.dmsjuridica.com\/buscador_20179478954\/corteconstitucionalcronologico202454587\/t-500-12\/\" class=\"_self pt-cv-readmore btn btn-success\" target=\"_self\">Ver Sentencia Completa...<\/a><\/div><\/div><\/div><\/div>\n<div class=\"col-md-12 col-sm-12 col-xs-12 pt-cv-content-item pt-cv-1-col\" ><div class='pt-cv-ifield'><a href=\"https:\/\/www.dmsjuridica.com\/buscador_20179478954\/corteconstitucionalcronologico202454587\/t-499-12\/\" class=\"_self pt-cv-href-thumbnail pt-cv-thumb-default\" target=\"_self\" ><\/a>\n<div class=\"pt-cv-taxoterm above_title\"><a href='https:\/\/www.dmsjuridica.com\/buscador_20179478954\/corteconstitucionalcronologico202454587\/category\/buscar-en-toda-la-corte\/2012\/tutelas-2012\/' title='Tutelas 2012' class='pt-cv-tax-tutelas-2012'>Tutelas 2012<\/a><\/div>\n<h4 class=\"pt-cv-title\"><a href=\"https:\/\/www.dmsjuridica.com\/buscador_20179478954\/corteconstitucionalcronologico202454587\/t-499-12\/\" class=\"_self\" target=\"_self\" >T-499-12<\/a><\/h4>\n<div class=\"pt-cv-content\">\u00a0 \u00a0 Sentencia T-499\/12 \u00a0 JURISPRUDENCIA CONSTITUCIONAL SOBRE LA VALIDEZ DEL CONCEPTO DEL MEDICO TRATANTE NO ADSCRITO A LA EPS \u00a0 La jurisprudencia de la Corte Constitucional ha indicado que el m\u00e9dico tratante es la persona encargada e id\u00f3nea para determinar un tratamiento en salud. Adem\u00e1s, por regla general, ha considerado que el concepto relevante frente a los tratamientos es el establecido por un m\u00e9dico que se encuentre adscrito a la EPS encargada de garantizar los servicios de salud de cada persona en particular. Sin embargo, tambi\u00e9n ha estimado que el exigir que la orden m\u00e9dica sea emitida exclusivamente por ...<br \/><div class=\"pt-cv-rmwrap\"><a href=\"https:\/\/www.dmsjuridica.com\/buscador_20179478954\/corteconstitucionalcronologico202454587\/t-499-12\/\" class=\"_self pt-cv-readmore btn btn-success\" target=\"_self\">Ver Sentencia Completa...<\/a><\/div><\/div><\/div><\/div>\n<div class=\"col-md-12 col-sm-12 col-xs-12 pt-cv-content-item pt-cv-1-col\" ><div class='pt-cv-ifield'><a href=\"https:\/\/www.dmsjuridica.com\/buscador_20179478954\/corteconstitucionalcronologico202454587\/t-498-12\/\" class=\"_self pt-cv-href-thumbnail pt-cv-thumb-default\" target=\"_self\" ><\/a>\n<div class=\"pt-cv-taxoterm above_title\"><a href='https:\/\/www.dmsjuridica.com\/buscador_20179478954\/corteconstitucionalcronologico202454587\/category\/buscar-en-toda-la-corte\/2012\/tutelas-2012\/' title='Tutelas 2012' class='pt-cv-tax-tutelas-2012'>Tutelas 2012<\/a><\/div>\n<h4 class=\"pt-cv-title\"><a href=\"https:\/\/www.dmsjuridica.com\/buscador_20179478954\/corteconstitucionalcronologico202454587\/t-498-12\/\" class=\"_self\" target=\"_self\" >T-498-12<\/a><\/h4>\n<div class=\"pt-cv-content\">\u00a0 \u00a0 Sentencia T-498\/12 \u00a0 CARENCIA ACTUAL DE OBJETO POR HECHO SUPERADO\/CONFIGURACION DE UN HECHO SUPERADO Y ACTITUD QUE DEBE ASUMIR EL JUEZ DE AMPARO-Distinci\u00f3n entre las funciones atribuibles a los Jueces de Instancia y a la Corte Constitucional \u00a0 Respecto de la actitud que debe asumir el juez de amparo ante la configuraci\u00f3n de un hecho superado, la jurisprudencia constitucional ha partido de una importante distinci\u00f3n entre las funciones atribuibles a los jueces de instancia y a la Corte Constitucional. As\u00ed, esta Corte ha se\u00f1alado que \u201cno es perentorio para los jueces de instancia (\u2026) incluir en la argumentaci\u00f3n ...<br \/><div class=\"pt-cv-rmwrap\"><a href=\"https:\/\/www.dmsjuridica.com\/buscador_20179478954\/corteconstitucionalcronologico202454587\/t-498-12\/\" class=\"_self pt-cv-readmore btn btn-success\" target=\"_self\">Ver Sentencia Completa...<\/a><\/div><\/div><\/div><\/div>\n<div class=\"col-md-12 col-sm-12 col-xs-12 pt-cv-content-item pt-cv-1-col\" ><div class='pt-cv-ifield'><a href=\"https:\/\/www.dmsjuridica.com\/buscador_20179478954\/corteconstitucionalcronologico202454587\/t-497-12\/\" class=\"_self pt-cv-href-thumbnail pt-cv-thumb-default\" target=\"_self\" ><\/a>\n<div class=\"pt-cv-taxoterm above_title\"><a href='https:\/\/www.dmsjuridica.com\/buscador_20179478954\/corteconstitucionalcronologico202454587\/category\/buscar-en-toda-la-corte\/2012\/tutelas-2012\/' title='Tutelas 2012' class='pt-cv-tax-tutelas-2012'>Tutelas 2012<\/a><\/div>\n<h4 class=\"pt-cv-title\"><a href=\"https:\/\/www.dmsjuridica.com\/buscador_20179478954\/corteconstitucionalcronologico202454587\/t-497-12\/\" class=\"_self\" target=\"_self\" >T-497-12<\/a><\/h4>\n<div class=\"pt-cv-content\">\u00a0 \u00a0 Sentencia T-497\/12 \u00a0 DERECHO FUNDAMENTAL A LA SALUD Y FARMACODEPENDENCIA O DROGADICCION EN LA JURISPRUDENCIA CONSTITUCIONAL \u00a0 ACTO LEGISLATIVO 002\/09 \u00a0 ACTUACIONES TEMERARIAS EN EJERCICIO DE LA ACCION DE TUTELA\u00a0 \u00a0 DERECHO FUNDAMENTAL A LA SALUD-Procedencia del amparo por v\u00eda de tutela\/DERECHO A LA SALUD-Protecci\u00f3n constitucional especial a personas que padecen problemas de farmacodependencia y\/o drogadicci\u00f3n \u00a0 DERECHO FUNDAMENTAL A LA SALUD Y FARMACODEPENDENCIA O DROGADICCION-Con ocasi\u00f3n de expedici\u00f3n de Acuerdo 029\/11 el tratamiento para drogadicci\u00f3n no se encuentra excluido en su totalidad del POS \u00a0 Con ocasi\u00f3n de la expedici\u00f3n del Acuerdo 029 de 2011, la totalidad ...<br \/><div class=\"pt-cv-rmwrap\"><a href=\"https:\/\/www.dmsjuridica.com\/buscador_20179478954\/corteconstitucionalcronologico202454587\/t-497-12\/\" class=\"_self pt-cv-readmore btn btn-success\" target=\"_self\">Ver Sentencia Completa...<\/a><\/div><\/div><\/div><\/div>\n<div class=\"col-md-12 col-sm-12 col-xs-12 pt-cv-content-item pt-cv-1-col\" ><div class='pt-cv-ifield'><a href=\"https:\/\/www.dmsjuridica.com\/buscador_20179478954\/corteconstitucionalcronologico202454587\/t-496-12\/\" class=\"_self pt-cv-href-thumbnail pt-cv-thumb-default\" target=\"_self\" ><\/a>\n<div class=\"pt-cv-taxoterm above_title\"><a href='https:\/\/www.dmsjuridica.com\/buscador_20179478954\/corteconstitucionalcronologico202454587\/category\/buscar-en-toda-la-corte\/2012\/tutelas-2012\/' title='Tutelas 2012' class='pt-cv-tax-tutelas-2012'>Tutelas 2012<\/a><\/div>\n<h4 class=\"pt-cv-title\"><a href=\"https:\/\/www.dmsjuridica.com\/buscador_20179478954\/corteconstitucionalcronologico202454587\/t-496-12\/\" class=\"_self\" target=\"_self\" >T-496-12<\/a><\/h4>\n<div class=\"pt-cv-content\">DERECHO FUNDAMENTAL AL CONSUMO DEL AGUA POTABLE Y PROTECCION CONSTITUCIONAL-Reiteraci\u00f3n de jurisprudencia \u00a0 DERECHO DE USUARIOS A LA CONTINUIDAD EN LA PRESTACION DEL SERVICIO PUBLICO DOMICILIARIO DE AGUA POTABLE-Sujetos de especial protecci\u00f3n \u00a0 PROHIBICION DE LA SUSPENSION DEL SERVICIO DE AGUA POTABLE-Caso cuando afecta sujetos de especial protecci\u00f3n constitucional \u00a0 En relaci\u00f3n con el equilibrio que debe preservarse en la prestaci\u00f3n de servicio, la Corte reconoce que en circunstancias donde el eventual corte de agua pueda poner en peligro los derechos fundamentales de sujetos especialmente protegidos, las empresas deben abstenerse de hacerlo. Teniendo en cuenta lo expuesto, la jurisprudencia constitucional ...<br \/><div class=\"pt-cv-rmwrap\"><a href=\"https:\/\/www.dmsjuridica.com\/buscador_20179478954\/corteconstitucionalcronologico202454587\/t-496-12\/\" class=\"_self pt-cv-readmore btn btn-success\" target=\"_self\">Ver Sentencia Completa...<\/a><\/div><\/div><\/div><\/div>\n<div class=\"col-md-12 col-sm-12 col-xs-12 pt-cv-content-item pt-cv-1-col\" ><div class='pt-cv-ifield'><a href=\"https:\/\/www.dmsjuridica.com\/buscador_20179478954\/corteconstitucionalcronologico202454587\/t-495-12\/\" class=\"_self pt-cv-href-thumbnail pt-cv-thumb-default\" target=\"_self\" ><\/a>\n<div class=\"pt-cv-taxoterm above_title\"><a href='https:\/\/www.dmsjuridica.com\/buscador_20179478954\/corteconstitucionalcronologico202454587\/category\/buscar-en-toda-la-corte\/2012\/tutelas-2012\/' title='Tutelas 2012' class='pt-cv-tax-tutelas-2012'>Tutelas 2012<\/a><\/div>\n<h4 class=\"pt-cv-title\"><a href=\"https:\/\/www.dmsjuridica.com\/buscador_20179478954\/corteconstitucionalcronologico202454587\/t-495-12\/\" class=\"_self\" target=\"_self\" >T-495-12<\/a><\/h4>\n<div class=\"pt-cv-content\">\u00a0 \u00a0 Sentencia T-495\/12 \u00a0 DERECHO A LA EDUCACION INCLUSIVA DE NI\u00d1OS EN SITUACION DE DISCAPACIDAD-Caso de ni\u00f1o que presenta trastorno de espectro autista \u00a0 DERECHO A LA EDUCACION INCLUSIVA-Contenido \u00a0 DERECHO A LA SALUD Y A LA EDUCACION DE NI\u00d1OS EN SITUACION DE DISCAPACIDAD-Garant\u00edas que protegen de forma independiente su desarrollo integral \u00a0 DERECHO A LA SALUD DE NI\u00d1OS Y NI\u00d1AS CON DISCAPACIDAD-Concepto de integralidad en el servicio de salud \u00a0 \u00a0 \u00a0 ENTIDAD PROMOTORA DE SALUD-Responsabilidad en la protecci\u00f3n efectiva de los derechos fundamentales de los ni\u00f1os y ni\u00f1as que tienen discapacidad\/SECRETARIA DE EDUCACION-Debe garantizar el derecho fundamental ...<br \/><div class=\"pt-cv-rmwrap\"><a href=\"https:\/\/www.dmsjuridica.com\/buscador_20179478954\/corteconstitucionalcronologico202454587\/t-495-12\/\" class=\"_self pt-cv-readmore btn btn-success\" target=\"_self\">Ver Sentencia Completa...<\/a><\/div><\/div><\/div><\/div>\n<div class=\"col-md-12 col-sm-12 col-xs-12 pt-cv-content-item pt-cv-1-col\" ><div class='pt-cv-ifield'><a href=\"https:\/\/www.dmsjuridica.com\/buscador_20179478954\/corteconstitucionalcronologico202454587\/t-494-12\/\" class=\"_self pt-cv-href-thumbnail pt-cv-thumb-default\" target=\"_self\" ><\/a>\n<div class=\"pt-cv-taxoterm above_title\"><a href='https:\/\/www.dmsjuridica.com\/buscador_20179478954\/corteconstitucionalcronologico202454587\/category\/buscar-en-toda-la-corte\/2012\/tutelas-2012\/' title='Tutelas 2012' class='pt-cv-tax-tutelas-2012'>Tutelas 2012<\/a><\/div>\n<h4 class=\"pt-cv-title\"><a href=\"https:\/\/www.dmsjuridica.com\/buscador_20179478954\/corteconstitucionalcronologico202454587\/t-494-12\/\" class=\"_self\" target=\"_self\" >T-494-12<\/a><\/h4>\n<div class=\"pt-cv-content\">\u00a0 \u00a0 Sentencia T-494\/12 \u00a0 ACCION DE TUTELA CONTRA SENTENCIA DE TUTELA-Improcedencia por haber operado el fen\u00f3meno de la cosa juzgada constitucional\u00a0 \u00a0 Las personas que se consideren afectadas por una decisi\u00f3n en sede de tutela, pueden acudir a la Corte Constitucional para solicitar su revisi\u00f3n. En el tr\u00e1mite de selecci\u00f3n y revisi\u00f3n de las sentencias de tutela, la Corte Constitucional analiza y adopta la decisi\u00f3n mediante la cual se finaliza el debate constitucional. A trav\u00e9s de este procedimiento se garantiza que el \u00f3rgano de cierre de la jurisdicci\u00f3n constitucional conozca la totalidad de las sentencias que en materia de ...<br \/><div class=\"pt-cv-rmwrap\"><a href=\"https:\/\/www.dmsjuridica.com\/buscador_20179478954\/corteconstitucionalcronologico202454587\/t-494-12\/\" class=\"_self pt-cv-readmore btn btn-success\" target=\"_self\">Ver Sentencia Completa...<\/a><\/div><\/div><\/div><\/div>\n<div class=\"col-md-12 col-sm-12 col-xs-12 pt-cv-content-item pt-cv-1-col\" ><div class='pt-cv-ifield'><a href=\"https:\/\/www.dmsjuridica.com\/buscador_20179478954\/corteconstitucionalcronologico202454587\/t-493-12\/\" class=\"_self pt-cv-href-thumbnail pt-cv-thumb-default\" target=\"_self\" ><\/a>\n<div class=\"pt-cv-taxoterm above_title\"><a href='https:\/\/www.dmsjuridica.com\/buscador_20179478954\/corteconstitucionalcronologico202454587\/category\/buscar-en-toda-la-corte\/2012\/tutelas-2012\/' title='Tutelas 2012' class='pt-cv-tax-tutelas-2012'>Tutelas 2012<\/a><\/div>\n<h4 class=\"pt-cv-title\"><a href=\"https:\/\/www.dmsjuridica.com\/buscador_20179478954\/corteconstitucionalcronologico202454587\/t-493-12\/\" class=\"_self\" target=\"_self\" >T-493-12<\/a><\/h4>\n<div class=\"pt-cv-content\">\u00a0 \u00a0 Sentencia T-493\/12 \u00a0 DESPLAZAMIENTO FORZADO INTERNO-Reiteraci\u00f3n de jurisprudencia \u00a0 DESPLAZAMIENTO FORZADO INTERNO-Procedencia de la acci\u00f3n de tutela como mecanismo de protecci\u00f3n de los derechos fundamentales de la poblaci\u00f3n desplazada \u00a0 CRITERIOS PARA LA VALORACION DE LA DECLARACION DE DESPLAZAMIENTO FORZADO DE MIEMBROS DE COMUNIDAD IND\u00cdGENA-Auto 004\/09\u00a0 \u00a0 DESPLAZAMIENTO FORZADO POR LA VIOLENCIA-Condiciones para ser considerado como una persona en esa situaci\u00f3n \u00a0 DESPLAZAMIENTO FORZADO-Registro de las personas afectadas \u00a0 INSCRIPCION EN EL REGISTRO UNICO DE POBLACION DESPLAZADA-Casos en que resulta procedente\/INSCRIPCION EN EL REGISTRO UNICO DE POBLACION DESPLAZADA-Causales de exclusi\u00f3n\/INSCRIPCION EN EL REGISTRO UNICO DE POBLACION DESPLAZADA-Inscripci\u00f3n en ...<br \/><div class=\"pt-cv-rmwrap\"><a href=\"https:\/\/www.dmsjuridica.com\/buscador_20179478954\/corteconstitucionalcronologico202454587\/t-493-12\/\" class=\"_self pt-cv-readmore btn btn-success\" target=\"_self\">Ver Sentencia Completa...<\/a><\/div><\/div><\/div><\/div>\n<div class=\"col-md-12 col-sm-12 col-xs-12 pt-cv-content-item pt-cv-1-col\" ><div class='pt-cv-ifield'><a href=\"https:\/\/www.dmsjuridica.com\/buscador_20179478954\/corteconstitucionalcronologico202454587\/t-492-12\/\" class=\"_self pt-cv-href-thumbnail pt-cv-thumb-default\" target=\"_self\" ><\/a>\n<div class=\"pt-cv-taxoterm above_title\"><a href='https:\/\/www.dmsjuridica.com\/buscador_20179478954\/corteconstitucionalcronologico202454587\/category\/buscar-en-toda-la-corte\/2012\/tutelas-2012\/' title='Tutelas 2012' class='pt-cv-tax-tutelas-2012'>Tutelas 2012<\/a><\/div>\n<h4 class=\"pt-cv-title\"><a href=\"https:\/\/www.dmsjuridica.com\/buscador_20179478954\/corteconstitucionalcronologico202454587\/t-492-12\/\" class=\"_self\" target=\"_self\" >T-492-12<\/a><\/h4>\n<div class=\"pt-cv-content\">\u00a0 \u00a0 Sentencia T-492\/12 \u00a0 ACCION DE TUTELA CONTRA ACTO ADMINISTRATIVO DE CARACTER PARTICULAR Y CONCRETO-Procedencia excepcional para obtener reintegro laboral cuando se colige vulneraci\u00f3n de derechos fundamentales o perjuicio irremediable\u00a0 \u00a0 La jurisprudencia ha establecido que la acci\u00f3n de tutela no es procedente, en general, para controvertir actos administrativos, toda vez que las discrepancias suscitadas por la aplicaci\u00f3n o interpretaci\u00f3n de los mismos, deben ser dirimidas a trav\u00e9s de la jurisdicci\u00f3n de lo contencioso administrativo. Sin embargo, se ha aceptado la procedencia excepcional de la acci\u00f3n de tutela contra los actos administrativos, si del contenido de los mismos deviene ...<br \/><div class=\"pt-cv-rmwrap\"><a href=\"https:\/\/www.dmsjuridica.com\/buscador_20179478954\/corteconstitucionalcronologico202454587\/t-492-12\/\" class=\"_self pt-cv-readmore btn btn-success\" target=\"_self\">Ver Sentencia Completa...<\/a><\/div><\/div><\/div><\/div>\n<div class=\"col-md-12 col-sm-12 col-xs-12 pt-cv-content-item pt-cv-1-col\" ><div class='pt-cv-ifield'><a href=\"https:\/\/www.dmsjuridica.com\/buscador_20179478954\/corteconstitucionalcronologico202454587\/t-485-12\/\" class=\"_self pt-cv-href-thumbnail pt-cv-thumb-default\" target=\"_self\" ><\/a>\n<div class=\"pt-cv-taxoterm above_title\"><a href='https:\/\/www.dmsjuridica.com\/buscador_20179478954\/corteconstitucionalcronologico202454587\/category\/buscar-en-toda-la-corte\/2012\/tutelas-2012\/' title='Tutelas 2012' class='pt-cv-tax-tutelas-2012'>Tutelas 2012<\/a><\/div>\n<h4 class=\"pt-cv-title\"><a href=\"https:\/\/www.dmsjuridica.com\/buscador_20179478954\/corteconstitucionalcronologico202454587\/t-485-12\/\" class=\"_self\" target=\"_self\" >T-485-12<\/a><\/h4>\n<div class=\"pt-cv-content\">\u00a0 \u00a0 Sentencia T-485\/12 \u00a0 ACCION DE TUTELA PARA EL RECONOCIMIENTO Y PAGO DE PRESTACIONES SOCIALES-Procedencia excepcional \u00a0 El ordenamiento jur\u00eddico colombiano ha establecido determinados mecanismos judiciales para resolver aquellas controversias que tengan como objetivo obtener el reconocimiento de prestaciones sociales y de los derechos pensionales, como es el caso de la pensi\u00f3n de invalidez. Por tal raz\u00f3n, la Corte Constitucional, en reiteradas oportunidades, ha manifestado que, en principio, la acci\u00f3n de tutela no es la v\u00eda adecuada para lograr hacer efectiva la resoluci\u00f3n de este tipo de solicitudes, en raz\u00f3n de su car\u00e1cter subsidiario. Quienes solicitan una pensi\u00f3n de ...<br \/><div class=\"pt-cv-rmwrap\"><a href=\"https:\/\/www.dmsjuridica.com\/buscador_20179478954\/corteconstitucionalcronologico202454587\/t-485-12\/\" class=\"_self pt-cv-readmore btn btn-success\" target=\"_self\">Ver Sentencia Completa...<\/a><\/div><\/div><\/div><\/div>\n<div class=\"col-md-12 col-sm-12 col-xs-12 pt-cv-content-item pt-cv-1-col\" ><div class='pt-cv-ifield'><a href=\"https:\/\/www.dmsjuridica.com\/buscador_20179478954\/corteconstitucionalcronologico202454587\/t-484-12\/\" class=\"_self pt-cv-href-thumbnail pt-cv-thumb-default\" target=\"_self\" ><\/a>\n<div class=\"pt-cv-taxoterm above_title\"><a href='https:\/\/www.dmsjuridica.com\/buscador_20179478954\/corteconstitucionalcronologico202454587\/category\/buscar-en-toda-la-corte\/2012\/tutelas-2012\/' title='Tutelas 2012' class='pt-cv-tax-tutelas-2012'>Tutelas 2012<\/a><\/div>\n<h4 class=\"pt-cv-title\"><a href=\"https:\/\/www.dmsjuridica.com\/buscador_20179478954\/corteconstitucionalcronologico202454587\/t-484-12\/\" class=\"_self\" target=\"_self\" >T-484-12<\/a><\/h4>\n<div class=\"pt-cv-content\">\u00a0 \u00a0 \u00a0\u00a0 Sentencia T-484\/12 \u00a0 ACCION DE TUTELA PARA RECONOCIMIENTO DE DERECHOS PENSIONALES-Procedencia excepcional por ser sujetos de especial protecci\u00f3n\u00a0 \u00a0 PENSION DE SOBREVIVIENTES A PADRE DE SOLDADO FALLECIDO-Caso en que desconoc\u00eda que pod\u00eda reclamar por lo que no acudi\u00f3 inmediatamente ocurri\u00f3 el deceso\/PENSION DE SOBREVIVIENTES A PADRE DE SOLDADO FALLECIDO-Caso en que el actor es persona de la tercera edad y padece grave enfermedad \u00a0 De las pruebas allegadas al l\u00edbelo de la demanda y del interrogatorio de parte del actor, rendido ante el a quo, esta Sala observa, en primer lugar, que este cuenta con 72 a\u00f1os ...<br \/><div class=\"pt-cv-rmwrap\"><a href=\"https:\/\/www.dmsjuridica.com\/buscador_20179478954\/corteconstitucionalcronologico202454587\/t-484-12\/\" class=\"_self pt-cv-readmore btn btn-success\" target=\"_self\">Ver Sentencia Completa...<\/a><\/div><\/div><\/div><\/div>\n<div class=\"col-md-12 col-sm-12 col-xs-12 pt-cv-content-item pt-cv-1-col\" ><div class='pt-cv-ifield'><a href=\"https:\/\/www.dmsjuridica.com\/buscador_20179478954\/corteconstitucionalcronologico202454587\/t-483-12\/\" class=\"_self pt-cv-href-thumbnail pt-cv-thumb-default\" target=\"_self\" ><\/a>\n<div class=\"pt-cv-taxoterm above_title\"><a href='https:\/\/www.dmsjuridica.com\/buscador_20179478954\/corteconstitucionalcronologico202454587\/category\/buscar-en-toda-la-corte\/2012\/tutelas-2012\/' title='Tutelas 2012' class='pt-cv-tax-tutelas-2012'>Tutelas 2012<\/a><\/div>\n<h4 class=\"pt-cv-title\"><a href=\"https:\/\/www.dmsjuridica.com\/buscador_20179478954\/corteconstitucionalcronologico202454587\/t-483-12\/\" class=\"_self\" target=\"_self\" >T-483-12<\/a><\/h4>\n<div class=\"pt-cv-content\">\u00a0 \u00a0 Sentencia T-483\/12 \u00a0 ACCION DE TUTELA CONTRA PROVIDENCIAS JUDICIALES-Requisitos generales y especiales de procedibilidad \u00a0 SUBROGADOS DE LA VIGILANCIA ELECTRONICA Y LA PRISION DOMICILIARIA-Comparaci\u00c3\u00b3n \u00a0 MENOR DE EDAD-Sujeto de especial protecci\u00c3\u00b3n \u00a0 El art\u00c3\u00adculo 44 de la Constituci\u00c3\u00b3n Pol\u00c3\u00adtica, consagra expresamente el principio del inter\u00c3\u00a9s superior de los ni\u00c3\u00b1os y entre sus derechos fundamentales se encuentra la vida, la integridad f\u00c3\u00adsica, la alimentaci\u00c3\u00b3n equilibrada, el cuidado, el amor, los cuales prevalecen sobre los derechos de los dem\u00c3\u00a1s, as\u00c3\u00ad mismo le impone a la familia, la sociedad y el Estado la obligaci\u00c3\u00b3n de asistirlos y protegerlos, al punto que ...<br \/><div class=\"pt-cv-rmwrap\"><a href=\"https:\/\/www.dmsjuridica.com\/buscador_20179478954\/corteconstitucionalcronologico202454587\/t-483-12\/\" class=\"_self pt-cv-readmore btn btn-success\" target=\"_self\">Ver Sentencia Completa...<\/a><\/div><\/div><\/div><\/div>\n<div class=\"col-md-12 col-sm-12 col-xs-12 pt-cv-content-item pt-cv-1-col\" ><div class='pt-cv-ifield'><a href=\"https:\/\/www.dmsjuridica.com\/buscador_20179478954\/corteconstitucionalcronologico202454587\/t-482-12\/\" class=\"_self pt-cv-href-thumbnail pt-cv-thumb-default\" target=\"_self\" ><\/a>\n<div class=\"pt-cv-taxoterm above_title\"><a href='https:\/\/www.dmsjuridica.com\/buscador_20179478954\/corteconstitucionalcronologico202454587\/category\/buscar-en-toda-la-corte\/2012\/tutelas-2012\/' title='Tutelas 2012' class='pt-cv-tax-tutelas-2012'>Tutelas 2012<\/a><\/div>\n<h4 class=\"pt-cv-title\"><a href=\"https:\/\/www.dmsjuridica.com\/buscador_20179478954\/corteconstitucionalcronologico202454587\/t-482-12\/\" class=\"_self\" target=\"_self\" >T-482-12<\/a><\/h4>\n<div class=\"pt-cv-content\">ACCION DE TUTELA PARA RECONOCIMIENTO DE PRESTACIONES SOCIALES EN MATERIA PENSIONAL-Procedencia excepcional\u00a0 \u00a0 Por regla general, la acci\u00f3n de tutela no procede para solicitar el reconocimiento y pago de prestaciones sociales, habida cuenta que el inciso 3\u00b0 del art\u00edculo 86 de la Constituci\u00f3n Pol\u00edtica consagra el principio de subsidiariedad, el cual exige que el actor haya agotado todos los medios de defensa judiciales que tiene a su alcance para ventilar su pretensi\u00f3n, esto es, que haya acudido al juez laboral o contencioso en procura de obtener el reconocimiento y pago de la prestaci\u00f3n espec\u00edfica. No obstante, la jurisprudencia constitucional ha ...<br \/><div class=\"pt-cv-rmwrap\"><a href=\"https:\/\/www.dmsjuridica.com\/buscador_20179478954\/corteconstitucionalcronologico202454587\/t-482-12\/\" class=\"_self pt-cv-readmore btn btn-success\" target=\"_self\">Ver Sentencia Completa...<\/a><\/div><\/div><\/div><\/div>\n<div class=\"col-md-12 col-sm-12 col-xs-12 pt-cv-content-item pt-cv-1-col\" ><div class='pt-cv-ifield'><a href=\"https:\/\/www.dmsjuridica.com\/buscador_20179478954\/corteconstitucionalcronologico202454587\/t-481-12\/\" class=\"_self pt-cv-href-thumbnail pt-cv-thumb-default\" target=\"_self\" ><\/a>\n<div class=\"pt-cv-taxoterm above_title\"><a href='https:\/\/www.dmsjuridica.com\/buscador_20179478954\/corteconstitucionalcronologico202454587\/category\/buscar-en-toda-la-corte\/2012\/tutelas-2012\/' title='Tutelas 2012' class='pt-cv-tax-tutelas-2012'>Tutelas 2012<\/a><\/div>\n<h4 class=\"pt-cv-title\"><a href=\"https:\/\/www.dmsjuridica.com\/buscador_20179478954\/corteconstitucionalcronologico202454587\/t-481-12\/\" class=\"_self\" target=\"_self\" >T-481-12<\/a><\/h4>\n<div class=\"pt-cv-content\">\u00a0 \u00a0 Sentencia T-481\/12 \u00a0 PROTECCION CONSTITUCIONAL DEL DERECHO FUNDAMENTAL A LA SALUD-Reiteraci\u00f3n de jurisprudencia \u00a0 La sola vulneraci\u00f3n del derecho a la salud le concede la facultad a las personas para que soliciten al juez constitucional la intervenci\u00f3n y defensa de esta garant\u00eda esencial \u00a0 DERECHO A LA SALUD-El transporte y la estad\u00eda como medio para acceder a un servicio \u00a0 Es procedente la acci\u00f3n de tutela para solicitar el traslado en ambulancia o subsidio de transporte, incluido el hospedaje para el paciente en los eventos que el servicio est\u00e9 excluido del POS, siempre que se verifique: \u201c(i) que ...<br \/><div class=\"pt-cv-rmwrap\"><a href=\"https:\/\/www.dmsjuridica.com\/buscador_20179478954\/corteconstitucionalcronologico202454587\/t-481-12\/\" class=\"_self pt-cv-readmore btn btn-success\" target=\"_self\">Ver Sentencia Completa...<\/a><\/div><\/div><\/div><\/div>\n<div class=\"col-md-12 col-sm-12 col-xs-12 pt-cv-content-item pt-cv-1-col\" ><div class='pt-cv-ifield'><a href=\"https:\/\/www.dmsjuridica.com\/buscador_20179478954\/corteconstitucionalcronologico202454587\/t-480-12\/\" class=\"_self pt-cv-href-thumbnail pt-cv-thumb-default\" target=\"_self\" ><\/a>\n<div class=\"pt-cv-taxoterm above_title\"><a href='https:\/\/www.dmsjuridica.com\/buscador_20179478954\/corteconstitucionalcronologico202454587\/category\/buscar-en-toda-la-corte\/2012\/tutelas-2012\/' title='Tutelas 2012' class='pt-cv-tax-tutelas-2012'>Tutelas 2012<\/a><\/div>\n<h4 class=\"pt-cv-title\"><a href=\"https:\/\/www.dmsjuridica.com\/buscador_20179478954\/corteconstitucionalcronologico202454587\/t-480-12\/\" class=\"_self\" target=\"_self\" >T-480-12<\/a><\/h4>\n<div class=\"pt-cv-content\">\u00a0 \u00a0 Sentencia T-480\/12 \u00a0 ACCION DE TUTELA PARA EL RECONOCIMIENTO Y PAGO DE PENSION DE VEJEZ-Procedencia excepcional \u00a0 La naturaleza de la acci\u00f3n de tutela, ata\u00f1e a su car\u00e1cter excepcional para la protecci\u00f3n de derechos fundamentales vulnerados. En este orden de ideas, este mecanismo constitucional, no pretende suplantar los procedimientos establecidos, ni usurpar el \u00e1mbito funcional de las autoridades leg\u00edtimamente constituidas, ni mucho menos resolver asuntos que por competencia corresponda asumir a otras entidades. Es por ello, que la acci\u00f3n de tutela puede catalogarse como una herramienta residual, de lo que se colige que puede interponerse, una vez agotados ...<br \/><div class=\"pt-cv-rmwrap\"><a href=\"https:\/\/www.dmsjuridica.com\/buscador_20179478954\/corteconstitucionalcronologico202454587\/t-480-12\/\" class=\"_self pt-cv-readmore btn btn-success\" target=\"_self\">Ver Sentencia Completa...<\/a><\/div><\/div><\/div><\/div>\n<div class=\"col-md-12 col-sm-12 col-xs-12 pt-cv-content-item pt-cv-1-col\" ><div class='pt-cv-ifield'><a href=\"https:\/\/www.dmsjuridica.com\/buscador_20179478954\/corteconstitucionalcronologico202454587\/t-479-12\/\" class=\"_self pt-cv-href-thumbnail pt-cv-thumb-default\" target=\"_self\" ><\/a>\n<div class=\"pt-cv-taxoterm above_title\"><a href='https:\/\/www.dmsjuridica.com\/buscador_20179478954\/corteconstitucionalcronologico202454587\/category\/buscar-en-toda-la-corte\/2012\/tutelas-2012\/' title='Tutelas 2012' class='pt-cv-tax-tutelas-2012'>Tutelas 2012<\/a><\/div>\n<h4 class=\"pt-cv-title\"><a href=\"https:\/\/www.dmsjuridica.com\/buscador_20179478954\/corteconstitucionalcronologico202454587\/t-479-12\/\" class=\"_self\" target=\"_self\" >T-479-12<\/a><\/h4>\n<div class=\"pt-cv-content\">\u00a0 \u00a0 Sentencia T-479\/12 \u00a0 LEGITIMACION EN LA CAUSA POR ACTIVA Y AGENCIA OFICIOSA EN LA ACCION DE TUTELA-Requisitos \u00a0 Seg\u00fan el art\u00edculo 10\u00b0 del Decreto 2591 de 1991, la acci\u00f3n de tutela puede ser ejercida directamente por la persona afectada, quien actuar\u00e1 por s\u00ed misma o a trav\u00e9s de representante, caso en el cual los poderes se presumir\u00e1n aut\u00e9nticos; tambi\u00e9n podr\u00e1n ejercerla el Defensor del Pueblo y los personeros municipales. El inciso segundo de esta disposici\u00f3n establece la viabilidad de la agencia oficiosa, cuando el titular de los derechos fundamentales no est\u00e1 en condiciones de promover su propia defensa, ...<br \/><div class=\"pt-cv-rmwrap\"><a href=\"https:\/\/www.dmsjuridica.com\/buscador_20179478954\/corteconstitucionalcronologico202454587\/t-479-12\/\" class=\"_self pt-cv-readmore btn btn-success\" target=\"_self\">Ver Sentencia Completa...<\/a><\/div><\/div><\/div><\/div>\n<div class=\"col-md-12 col-sm-12 col-xs-12 pt-cv-content-item pt-cv-1-col\" ><div class='pt-cv-ifield'><a href=\"https:\/\/www.dmsjuridica.com\/buscador_20179478954\/corteconstitucionalcronologico202454587\/t-478-12\/\" class=\"_self pt-cv-href-thumbnail pt-cv-thumb-default\" target=\"_self\" ><\/a>\n<div class=\"pt-cv-taxoterm above_title\"><a href='https:\/\/www.dmsjuridica.com\/buscador_20179478954\/corteconstitucionalcronologico202454587\/category\/buscar-en-toda-la-corte\/2012\/tutelas-2012\/' title='Tutelas 2012' class='pt-cv-tax-tutelas-2012'>Tutelas 2012<\/a><\/div>\n<h4 class=\"pt-cv-title\"><a href=\"https:\/\/www.dmsjuridica.com\/buscador_20179478954\/corteconstitucionalcronologico202454587\/t-478-12\/\" class=\"_self\" target=\"_self\" >T-478-12<\/a><\/h4>\n<div class=\"pt-cv-content\">\u00a0 \u00a0 Sentencia T-478\/12 \u00a0 DERECHO A LA SALUD DE NI\u00d1OS Y NI\u00d1AS-Fundamental aut\u00f3nomo\u00a0 \u00a0 DERECHO A LA SALUD Y SEGURIDAD SOCIAL DEL NI\u00d1O-Fundamental prevalente\u00a0 \u00a0 DERECHO A LA SALUD DE NI\u00d1OS Y NI\u00d1AS-Instrumentos internacionales de protecci\u00f3n \u00a0 DERECHO FUNDAMENTAL A LA SALUD-Comprende, entre otros, el derecho a acceder a servicios de salud de manera oportuna, eficaz y con calidad \u00a0 DERECHO A LA SALUD Y CONCEPTO DEL MEDICO TRATANTE-Es el principal criterio para determinar el servicio que se requiere pero no es el \u00fanico\/PRESTACION DE TRATAMIENTOS Y MEDICAMENTOS NO INCLUIDOS EN EL POS-La EPS no est\u00e1 autorizada a rechazar ...<br \/><div class=\"pt-cv-rmwrap\"><a href=\"https:\/\/www.dmsjuridica.com\/buscador_20179478954\/corteconstitucionalcronologico202454587\/t-478-12\/\" class=\"_self pt-cv-readmore btn btn-success\" target=\"_self\">Ver Sentencia Completa...<\/a><\/div><\/div><\/div><\/div>\n<div class=\"col-md-12 col-sm-12 col-xs-12 pt-cv-content-item pt-cv-1-col\" ><div class='pt-cv-ifield'><a href=\"https:\/\/www.dmsjuridica.com\/buscador_20179478954\/corteconstitucionalcronologico202454587\/t-477-12\/\" class=\"_self pt-cv-href-thumbnail pt-cv-thumb-default\" target=\"_self\" ><\/a>\n<div class=\"pt-cv-taxoterm above_title\"><a href='https:\/\/www.dmsjuridica.com\/buscador_20179478954\/corteconstitucionalcronologico202454587\/category\/buscar-en-toda-la-corte\/2012\/tutelas-2012\/' title='Tutelas 2012' class='pt-cv-tax-tutelas-2012'>Tutelas 2012<\/a><\/div>\n<h4 class=\"pt-cv-title\"><a href=\"https:\/\/www.dmsjuridica.com\/buscador_20179478954\/corteconstitucionalcronologico202454587\/t-477-12\/\" class=\"_self\" target=\"_self\" >T-477-12<\/a><\/h4>\n<div class=\"pt-cv-content\">LEGITIMACION POR ACTIVA DE ORGANIZACION NACIONAL INDIGENA PARA INTERPONER ACCION DE TUTELA-Configuraci\u00f3n \u00a0 En diversas ocasiones esta Corporaci\u00f3n ha avalado la legitimaci\u00f3n por activa de la Organizaci\u00f3n Nacional Ind\u00edgena de Colombia -ONIC- para presentar una acci\u00f3n constitucional a favor de las diversas comunidades ind\u00edgenas de Colombia, en raz\u00f3n a las reconocidas condiciones de aislamiento geogr\u00e1fico en que se encuentran estos pueblos unos de otros y tambi\u00e9n de \u00e9stos respecto de los medios judiciales de defensa. Adicionalmente, su legitimaci\u00f3n se justifica porque: a) es una entidad constituida para la defensa de los derechos constitucionales fundamentales de estas comunidades y b) su ...<br \/><div class=\"pt-cv-rmwrap\"><a href=\"https:\/\/www.dmsjuridica.com\/buscador_20179478954\/corteconstitucionalcronologico202454587\/t-477-12\/\" class=\"_self pt-cv-readmore btn btn-success\" target=\"_self\">Ver Sentencia Completa...<\/a><\/div><\/div><\/div><\/div>\n<div class=\"col-md-12 col-sm-12 col-xs-12 pt-cv-content-item pt-cv-1-col\" ><div class='pt-cv-ifield'><a href=\"https:\/\/www.dmsjuridica.com\/buscador_20179478954\/corteconstitucionalcronologico202454587\/t-476-12\/\" class=\"_self pt-cv-href-thumbnail pt-cv-thumb-default\" target=\"_self\" ><\/a>\n<div class=\"pt-cv-taxoterm above_title\"><a href='https:\/\/www.dmsjuridica.com\/buscador_20179478954\/corteconstitucionalcronologico202454587\/category\/buscar-en-toda-la-corte\/2012\/tutelas-2012\/' title='Tutelas 2012' class='pt-cv-tax-tutelas-2012'>Tutelas 2012<\/a><\/div>\n<h4 class=\"pt-cv-title\"><a href=\"https:\/\/www.dmsjuridica.com\/buscador_20179478954\/corteconstitucionalcronologico202454587\/t-476-12\/\" class=\"_self\" target=\"_self\" >T-476-12<\/a><\/h4>\n<div class=\"pt-cv-content\">\u00a0 \u00a0 Sentencia T-476\/12 \u00a0 COMITE TECNICO CIENTIFICO-Es necesario que los usuarios est\u00e9n informados de las razones m\u00e9dicas o cient\u00edficas que se tuvieron en cuenta para negar un servicio de salud autorizado por m\u00e9dico tratante \u00a0 La jurisprudencia constitucional tambi\u00e9n se ha manifestado en el sentido de que al tomar una decisi\u00f3n sobre una solicitud elevada al Comit\u00e9, \u00e9ste debe exponer las razones m\u00e9dicas o cient\u00edficas sobre las cuales se basa para autorizar o no un servicio de salud, pues tal decisi\u00f3n no puede atender a razones administrativas, como por ejemplo, la escasez de recursos econ\u00f3micos para sufragar un tratamiento, ...<br \/><div class=\"pt-cv-rmwrap\"><a href=\"https:\/\/www.dmsjuridica.com\/buscador_20179478954\/corteconstitucionalcronologico202454587\/t-476-12\/\" class=\"_self pt-cv-readmore btn btn-success\" target=\"_self\">Ver Sentencia Completa...<\/a><\/div><\/div><\/div><\/div>\n<div class=\"col-md-12 col-sm-12 col-xs-12 pt-cv-content-item pt-cv-1-col\" ><div class='pt-cv-ifield'><a href=\"https:\/\/www.dmsjuridica.com\/buscador_20179478954\/corteconstitucionalcronologico202454587\/t-475-12\/\" class=\"_self pt-cv-href-thumbnail pt-cv-thumb-default\" target=\"_self\" ><\/a>\n<div class=\"pt-cv-taxoterm above_title\"><a href='https:\/\/www.dmsjuridica.com\/buscador_20179478954\/corteconstitucionalcronologico202454587\/category\/buscar-en-toda-la-corte\/2012\/tutelas-2012\/' title='Tutelas 2012' class='pt-cv-tax-tutelas-2012'>Tutelas 2012<\/a><\/div>\n<h4 class=\"pt-cv-title\"><a href=\"https:\/\/www.dmsjuridica.com\/buscador_20179478954\/corteconstitucionalcronologico202454587\/t-475-12\/\" class=\"_self\" target=\"_self\" >T-475-12<\/a><\/h4>\n<div class=\"pt-cv-content\">\u00a0 \u00a0 Sentencia T-475\/12 \u00a0 ACCION DE TUTELA PARA EL RECONOCIMIENTO DE INDEMNIZACION SUSTITUTIVA DE LA PENSION DE VEJEZ-Reiteraci\u00f3n de jurisprudencia \u00a0 DERECHO A LA INDEMNIZACION SUSTITUTIVA DE LA PENSION DE VEJEZ-Car\u00e1cter imprescriptible \u00a0 La jurisprudencia de esta Corporaci\u00f3n ha se\u00f1alado que, al igual que las dem\u00e1s prestaciones consagradas en el sistema general de pensiones, la indemnizaci\u00f3n sustitutiva de la pensi\u00f3n de vejez es imprescriptible, en el sentido de que puede ser reclamada en cualquier tiempo. Esta afirmaci\u00f3n se fundamenta, por una parte, en que es una prestaci\u00f3n por medio de la cual se garantiza el derecho irrenunciable a la ...<br \/><div class=\"pt-cv-rmwrap\"><a href=\"https:\/\/www.dmsjuridica.com\/buscador_20179478954\/corteconstitucionalcronologico202454587\/t-475-12\/\" class=\"_self pt-cv-readmore btn btn-success\" target=\"_self\">Ver Sentencia Completa...<\/a><\/div><\/div><\/div><\/div>\n<div class=\"col-md-12 col-sm-12 col-xs-12 pt-cv-content-item pt-cv-1-col\" ><div class='pt-cv-ifield'><a href=\"https:\/\/www.dmsjuridica.com\/buscador_20179478954\/corteconstitucionalcronologico202454587\/t-474-12\/\" class=\"_self pt-cv-href-thumbnail pt-cv-thumb-default\" target=\"_self\" ><\/a>\n<div class=\"pt-cv-taxoterm above_title\"><a href='https:\/\/www.dmsjuridica.com\/buscador_20179478954\/corteconstitucionalcronologico202454587\/category\/buscar-en-toda-la-corte\/2012\/tutelas-2012\/' title='Tutelas 2012' class='pt-cv-tax-tutelas-2012'>Tutelas 2012<\/a><\/div>\n<h4 class=\"pt-cv-title\"><a href=\"https:\/\/www.dmsjuridica.com\/buscador_20179478954\/corteconstitucionalcronologico202454587\/t-474-12\/\" class=\"_self\" target=\"_self\" >T-474-12<\/a><\/h4>\n<div class=\"pt-cv-content\">\u00a0 \u00a0 Sentencia T-474\/12 \u00a0 DERECHO A LA VISITA CONYUGAL Y AL LIBRE DESARROLLO DE LA PERSONALIDAD DEL INTERNO-Alcance \u00a0 La Corte Constitucional ha considerado que el derecho a la visita conyugal es una posici\u00c3\u00b3n jur\u00c3\u00addica de derecho fundamental, derivada de los derechos fundamentales a la intimidad personal y familiar y el libre desarrollo de la personalidad (en su faceta de libertad de sostener relaciones sexuales, siempre que estas cuenten con el consentimiento de los involucrados) y constituye tambi\u00c3\u00a9n una pieza fundamental en el proceso de resocializaci\u00c3\u00b3n y bienestar f\u00c3\u00adsico y ps\u00c3\u00adquico del individuo. Esta Corporaci\u00c3\u00b3n ha precisado que la ...<br \/><div class=\"pt-cv-rmwrap\"><a href=\"https:\/\/www.dmsjuridica.com\/buscador_20179478954\/corteconstitucionalcronologico202454587\/t-474-12\/\" class=\"_self pt-cv-readmore btn btn-success\" target=\"_self\">Ver Sentencia Completa...<\/a><\/div><\/div><\/div><\/div>\n<div class=\"col-md-12 col-sm-12 col-xs-12 pt-cv-content-item pt-cv-1-col\" ><div class='pt-cv-ifield'><a href=\"https:\/\/www.dmsjuridica.com\/buscador_20179478954\/corteconstitucionalcronologico202454587\/t-473-12\/\" class=\"_self pt-cv-href-thumbnail pt-cv-thumb-default\" target=\"_self\" ><\/a>\n<div class=\"pt-cv-taxoterm above_title\"><a href='https:\/\/www.dmsjuridica.com\/buscador_20179478954\/corteconstitucionalcronologico202454587\/category\/buscar-en-toda-la-corte\/2012\/tutelas-2012\/' title='Tutelas 2012' class='pt-cv-tax-tutelas-2012'>Tutelas 2012<\/a><\/div>\n<h4 class=\"pt-cv-title\"><a href=\"https:\/\/www.dmsjuridica.com\/buscador_20179478954\/corteconstitucionalcronologico202454587\/t-473-12\/\" class=\"_self\" target=\"_self\" >T-473-12<\/a><\/h4>\n<div class=\"pt-cv-content\">\u00a0 \u00a0 Sentencia T-473\/12 \u00a0 \u00a0(Bogot\u00e1, D.C., junio 22) \u00a0 LEGITIMACION EN LA CAUSA POR ACTIVA Y AGENCIA OFICIOSA EN LA ACCION DE TUTELA-Reiteraci\u00f3n de jurisprudencia \u00a0 PROTECCION CONSTITUCIONAL DEL DERECHO FUNDAMENTAL A LA SALUD-Reiteraci\u00f3n de jurisprudencia \u00a0 El derecho a la salud, independientemente de su naturaleza de derecho econ\u00f3mico social y cultural, ostenta la condici\u00f3n de fundamental, debido a que se relaciona de manera directa con la vida y la dignidad de las personas, lo cual justifica la utilizaci\u00f3n de la acci\u00f3n de tutela como mecanismo de protecci\u00f3n. As\u00ed, en la sentencia T-859 de 2003, la Corte dej\u00f3 de ...<br \/><div class=\"pt-cv-rmwrap\"><a href=\"https:\/\/www.dmsjuridica.com\/buscador_20179478954\/corteconstitucionalcronologico202454587\/t-473-12\/\" class=\"_self pt-cv-readmore btn btn-success\" target=\"_self\">Ver Sentencia Completa...<\/a><\/div><\/div><\/div><\/div>\n<div class=\"col-md-12 col-sm-12 col-xs-12 pt-cv-content-item pt-cv-1-col\" ><div class='pt-cv-ifield'><a href=\"https:\/\/www.dmsjuridica.com\/buscador_20179478954\/corteconstitucionalcronologico202454587\/t-472-12\/\" class=\"_self pt-cv-href-thumbnail pt-cv-thumb-default\" target=\"_self\" ><\/a>\n<div class=\"pt-cv-taxoterm above_title\"><a href='https:\/\/www.dmsjuridica.com\/buscador_20179478954\/corteconstitucionalcronologico202454587\/category\/buscar-en-toda-la-corte\/2012\/tutelas-2012\/' title='Tutelas 2012' class='pt-cv-tax-tutelas-2012'>Tutelas 2012<\/a><\/div>\n<h4 class=\"pt-cv-title\"><a href=\"https:\/\/www.dmsjuridica.com\/buscador_20179478954\/corteconstitucionalcronologico202454587\/t-472-12\/\" class=\"_self\" target=\"_self\" >T-472-12<\/a><\/h4>\n<div class=\"pt-cv-content\">\u00a0 \u00a0 Sentencia T-472\/12 \u00a0 \u00a0(Bogot\u00e1, D.C., Junio 22) \u00a0 ACCION DE TUTELA-Subsidiariedad\u00a0 \u00a0 ACCION DE TUTELA-Inmediatez\u00a0 \u00a0 DERECHO FUNDAMENTAL A LA SEGURIDAD SOCIAL Y PROTECCION POR MEDIO DE ACCION DE TUTELA-Reiteraci\u00f3n de jurisprudencia\u00a0 \u00a0 DERECHO AL MINIMO VITAL ANTE EL NO PAGO DE MESADAS PENSIONALES-Reiteraci\u00f3n de jurisprudencia \u00a0 SUSPENSION UNILATERAL DEL PAGO DE MESADA PENSIONAL-Jurisprudencia constitucional\u00a0 \u00a0 DERECHO PENSIONAL DE SOBREVIVIENTES-Contenido y alcance normativo\u00a0 \u00a0 Referencia: Expedientes T- 3.377.624. \u00a0 \u00a0\u00a0 Fallos de tutela objeto revisi\u00f3n: sentencia del Tribunal Superior del Distrito Judicial de Bogot\u00e1 \u00a0\u2013 Sala Laboral del 09 de diciembre de 2011; Juzgado 22 Laboral del Circuito ...<br \/><div class=\"pt-cv-rmwrap\"><a href=\"https:\/\/www.dmsjuridica.com\/buscador_20179478954\/corteconstitucionalcronologico202454587\/t-472-12\/\" class=\"_self pt-cv-readmore btn btn-success\" target=\"_self\">Ver Sentencia Completa...<\/a><\/div><\/div><\/div><\/div>\n<div class=\"col-md-12 col-sm-12 col-xs-12 pt-cv-content-item pt-cv-1-col\" ><div class='pt-cv-ifield'><a href=\"https:\/\/www.dmsjuridica.com\/buscador_20179478954\/corteconstitucionalcronologico202454587\/t-471-12\/\" class=\"_self pt-cv-href-thumbnail pt-cv-thumb-default\" target=\"_self\" ><\/a>\n<div class=\"pt-cv-taxoterm above_title\"><a href='https:\/\/www.dmsjuridica.com\/buscador_20179478954\/corteconstitucionalcronologico202454587\/category\/buscar-en-toda-la-corte\/2012\/tutelas-2012\/' title='Tutelas 2012' class='pt-cv-tax-tutelas-2012'>Tutelas 2012<\/a><\/div>\n<h4 class=\"pt-cv-title\"><a href=\"https:\/\/www.dmsjuridica.com\/buscador_20179478954\/corteconstitucionalcronologico202454587\/t-471-12\/\" class=\"_self\" target=\"_self\" >T-471-12<\/a><\/h4>\n<div class=\"pt-cv-content\">\u00a0 \u00a0 Sentencia T-471\/12 \u00a0 \u00a0(Bogot\u00e1, D.C., junio 22) \u00a0 ACCESO A TRATAMIENTO MEDICO O MEDICAMENTO EXCLUIDO DEL POS-Criterios constitucionales para acceder a servicios no POS \u00a0 ACCION DE TUTELA PARA REEMBOLSO DE GASTOS MEDICOS-Procedencia excepcional para reconocimiento de gastos por procedimiento asumido por la accionante, quien no ten\u00eda capacidad econ\u00f3mica \u00a0 Por regla general, dado la naturaleza subsidiaria y residual de la acci\u00f3n de tutela, \u00e9sta resulta improcedente para obtener el reembolso de gastos m\u00e9dicos, cuando la petici\u00f3n consiste en la reclamaci\u00f3n de una suma de dinero, lo que naturalmente desborda la competencia del juez de tutela. Sin embargo, ...<br \/><div class=\"pt-cv-rmwrap\"><a href=\"https:\/\/www.dmsjuridica.com\/buscador_20179478954\/corteconstitucionalcronologico202454587\/t-471-12\/\" class=\"_self pt-cv-readmore btn btn-success\" target=\"_self\">Ver Sentencia Completa...<\/a><\/div><\/div><\/div><\/div>\n<div class=\"col-md-12 col-sm-12 col-xs-12 pt-cv-content-item pt-cv-1-col\" ><div class='pt-cv-ifield'><a href=\"https:\/\/www.dmsjuridica.com\/buscador_20179478954\/corteconstitucionalcronologico202454587\/t-470-12\/\" class=\"_self pt-cv-href-thumbnail pt-cv-thumb-default\" target=\"_self\" ><\/a>\n<div class=\"pt-cv-taxoterm above_title\"><a href='https:\/\/www.dmsjuridica.com\/buscador_20179478954\/corteconstitucionalcronologico202454587\/category\/buscar-en-toda-la-corte\/2012\/tutelas-2012\/' title='Tutelas 2012' class='pt-cv-tax-tutelas-2012'>Tutelas 2012<\/a><\/div>\n<h4 class=\"pt-cv-title\"><a href=\"https:\/\/www.dmsjuridica.com\/buscador_20179478954\/corteconstitucionalcronologico202454587\/t-470-12\/\" class=\"_self\" target=\"_self\" >T-470-12<\/a><\/h4>\n<div class=\"pt-cv-content\">\u00a0 \u00a0 Sentencia T-470\/12 \u00a0 (Bogot\u00e1 D.C., 22 de junio) \u00a0 ACCION DE TUTELA CONTRA PROVIDENCIAS JUDICIALES-Requisitos generales y especiales de procedibilidad\u00a0 \u00a0 La jurisprudencia constitucional ha especificado que la condici\u00f3n de desplazado se adquiere cuando confluyen dos elementos esenciales; (i) la coacci\u00f3n que hace necesario el traslado y (ii) la permanencia dentro de las fronteras de la propia naci\u00f3n. As\u00ed, se ha establecido de manera reiterada que el desplazamiento es una condici\u00f3n f\u00e1ctica que no requiere de la expedici\u00f3n de ning\u00fan acto administrativo o judicial para su constituci\u00f3n. La inscripci\u00f3n en el Registro \u00danico de Poblaci\u00f3n Desplazada es un ...<br \/><div class=\"pt-cv-rmwrap\"><a href=\"https:\/\/www.dmsjuridica.com\/buscador_20179478954\/corteconstitucionalcronologico202454587\/t-470-12\/\" class=\"_self pt-cv-readmore btn btn-success\" target=\"_self\">Ver Sentencia Completa...<\/a><\/div><\/div><\/div><\/div>\n<div class=\"col-md-12 col-sm-12 col-xs-12 pt-cv-content-item pt-cv-1-col\" ><div class='pt-cv-ifield'><a href=\"https:\/\/www.dmsjuridica.com\/buscador_20179478954\/corteconstitucionalcronologico202454587\/t-469-12\/\" class=\"_self pt-cv-href-thumbnail pt-cv-thumb-default\" target=\"_self\" ><\/a>\n<div class=\"pt-cv-taxoterm above_title\"><a href='https:\/\/www.dmsjuridica.com\/buscador_20179478954\/corteconstitucionalcronologico202454587\/category\/buscar-en-toda-la-corte\/2012\/tutelas-2012\/' title='Tutelas 2012' class='pt-cv-tax-tutelas-2012'>Tutelas 2012<\/a><\/div>\n<h4 class=\"pt-cv-title\"><a href=\"https:\/\/www.dmsjuridica.com\/buscador_20179478954\/corteconstitucionalcronologico202454587\/t-469-12\/\" class=\"_self\" target=\"_self\" >T-469-12<\/a><\/h4>\n<div class=\"pt-cv-content\">\u00a0 \u00a0 Sentencia T-469\/12\u00a0 \u00a0 (Bogot\u00e1 D.C., 22 de junio de 2012) \u00a0 PENSION DE INVALIDEZ-Fecha de estructuraci\u00f3n de la p\u00e9rdida de capacidad laboral\/VULNERACION DEL DERECHO FUNDAMENTAL A LA SEGURIDAD SOCIAL\/PENSION DE INVALIDEZ Y REQUISITO DE FIDELIDAD \u00a0 El riesgo perseguido por el actor es el de la invalidez, cuya prestaci\u00f3n correspondiente es la pensi\u00f3n regulada en el art\u00edculo 39 de la Ley 100 de 1993, exigiendo el cumplimiento de 50 semanas de cotizaci\u00f3n dentro de los tres a\u00f1os inmediatamente anteriores a la fecha de estructuraci\u00f3n de la invalidez, requisito que fue modificado por el art\u00edculo 1\u00b0 de la Ley ...<br \/><div class=\"pt-cv-rmwrap\"><a href=\"https:\/\/www.dmsjuridica.com\/buscador_20179478954\/corteconstitucionalcronologico202454587\/t-469-12\/\" class=\"_self pt-cv-readmore btn btn-success\" target=\"_self\">Ver Sentencia Completa...<\/a><\/div><\/div><\/div><\/div>\n<div class=\"col-md-12 col-sm-12 col-xs-12 pt-cv-content-item pt-cv-1-col\" ><div class='pt-cv-ifield'><a href=\"https:\/\/www.dmsjuridica.com\/buscador_20179478954\/corteconstitucionalcronologico202454587\/t-468-12\/\" class=\"_self pt-cv-href-thumbnail pt-cv-thumb-default\" target=\"_self\" ><\/a>\n<div class=\"pt-cv-taxoterm above_title\"><a href='https:\/\/www.dmsjuridica.com\/buscador_20179478954\/corteconstitucionalcronologico202454587\/category\/buscar-en-toda-la-corte\/2012\/tutelas-2012\/' title='Tutelas 2012' class='pt-cv-tax-tutelas-2012'>Tutelas 2012<\/a><\/div>\n<h4 class=\"pt-cv-title\"><a href=\"https:\/\/www.dmsjuridica.com\/buscador_20179478954\/corteconstitucionalcronologico202454587\/t-468-12\/\" class=\"_self\" target=\"_self\" >T-468-12<\/a><\/h4>\n<div class=\"pt-cv-content\">\u00a0 \u00a0 Sentencia T-468\/12 \u00a0 (Bogot\u00e1 D.C, junio 22) \u00a0 ACTUACION TEMERARIA EN TUTELA-Presentaci\u00f3n de varias tutelas conlleva al rechazo o decisi\u00f3n desfavorable conforme al art. 38 del Decreto 2591\/91\u00a0 \u00a0 ACCION DE TUTELA TEMERARIA-Caso en que no se presenta por existir un hecho nuevo \u00a0 El juez constitucional debe valorar, de acuerdo con las pruebas que obran en el expediente, si el actor obr\u00f3 libre \u00a0de intenciones maliciosas al interponer con duplicidad el mecanismo de amparo. Esto, por cuanto la actuaci\u00f3n temeraria, se puede descartar, cuando se invoque la protecci\u00f3n de los derechos fundamentales basados en hechos nuevos, no ...<br \/><div class=\"pt-cv-rmwrap\"><a href=\"https:\/\/www.dmsjuridica.com\/buscador_20179478954\/corteconstitucionalcronologico202454587\/t-468-12\/\" class=\"_self pt-cv-readmore btn btn-success\" target=\"_self\">Ver Sentencia Completa...<\/a><\/div><\/div><\/div><\/div>\n<div class=\"col-md-12 col-sm-12 col-xs-12 pt-cv-content-item pt-cv-1-col\" ><div class='pt-cv-ifield'><a href=\"https:\/\/www.dmsjuridica.com\/buscador_20179478954\/corteconstitucionalcronologico202454587\/t-467-12\/\" class=\"_self pt-cv-href-thumbnail pt-cv-thumb-default\" target=\"_self\" ><\/a>\n<div class=\"pt-cv-taxoterm above_title\"><a href='https:\/\/www.dmsjuridica.com\/buscador_20179478954\/corteconstitucionalcronologico202454587\/category\/buscar-en-toda-la-corte\/2012\/tutelas-2012\/' title='Tutelas 2012' class='pt-cv-tax-tutelas-2012'>Tutelas 2012<\/a><\/div>\n<h4 class=\"pt-cv-title\"><a href=\"https:\/\/www.dmsjuridica.com\/buscador_20179478954\/corteconstitucionalcronologico202454587\/t-467-12\/\" class=\"_self\" target=\"_self\" >T-467-12<\/a><\/h4>\n<div class=\"pt-cv-content\">\u00a0 \u00a0 Sentencia T-467\/12\u00a0 \u00a0 DERECHO FUNDAMENTAL A LA SALUD-Protecci\u00f3n constitucional \u00a0 SUMINISTRO DE MEDICAMENTOS, TRATAMIENTOS Y PROCEDIMIENTOS EXCLUIDOS DEL POS-Requisitos \u00a0 DERECHO A LA SALUD-Diferencias entre mamoplastia reductora de car\u00e1cter est\u00e9tico y funcional \u00a0 CIRUGIA DE MAMOPLASTIA REDUCTORA-Autorizaci\u00f3n del procedimiento, mediante acci\u00f3n de tutela, requiere del an\u00e1lisis de las circunstancias de cada caso en concreto \u00a0 Seg\u00fan lo ha establecido la jurisprudencia de esta Corporaci\u00f3n, la calificaci\u00f3n prima facie de una cirug\u00eda como est\u00e9tica o cosm\u00e9tica, no es una atribuci\u00f3n permitida para las empresas prestadoras de salud quienes est\u00e1n obligadas previamente a realizar una an\u00e1lisis de cada caso en ...<br \/><div class=\"pt-cv-rmwrap\"><a href=\"https:\/\/www.dmsjuridica.com\/buscador_20179478954\/corteconstitucionalcronologico202454587\/t-467-12\/\" class=\"_self pt-cv-readmore btn btn-success\" target=\"_self\">Ver Sentencia Completa...<\/a><\/div><\/div><\/div><\/div>\n<div class=\"col-md-12 col-sm-12 col-xs-12 pt-cv-content-item pt-cv-1-col\" ><div class='pt-cv-ifield'><a href=\"https:\/\/www.dmsjuridica.com\/buscador_20179478954\/corteconstitucionalcronologico202454587\/t-466-12\/\" class=\"_self pt-cv-href-thumbnail pt-cv-thumb-default\" target=\"_self\" ><\/a>\n<div class=\"pt-cv-taxoterm above_title\"><a href='https:\/\/www.dmsjuridica.com\/buscador_20179478954\/corteconstitucionalcronologico202454587\/category\/buscar-en-toda-la-corte\/2012\/tutelas-2012\/' title='Tutelas 2012' class='pt-cv-tax-tutelas-2012'>Tutelas 2012<\/a><\/div>\n<h4 class=\"pt-cv-title\"><a href=\"https:\/\/www.dmsjuridica.com\/buscador_20179478954\/corteconstitucionalcronologico202454587\/t-466-12\/\" class=\"_self\" target=\"_self\" >T-466-12<\/a><\/h4>\n<div class=\"pt-cv-content\">\u00a0 \u00a0 Sentencia T-466\/12 \u00a0 ACCION DE TUTELA CONTRA PROVIDENCIAS JUDICIALES-Reiteraci\u00c3\u00b3n de jurisprudencia sobre procedencia excepcional \u00a0 CARACTERIZACION DEL DEFECTO FACTICO COMO CAUSAL ESPECIFICA DE PROCEDIBILIDAD DE LA ACCION DE TUTELA CONTRA PROVIDENCIAS JUDICIALES \u00a0 Trat\u00c3\u00a1ndose de un aspecto neur\u00c3\u00a1lgico de la actividad judicial, en tanto que la valoraci\u00c3\u00b3n probatoria es uno de los principales campos en los que el fallador ejerce su \u00e2\u20ac\u0153autonom\u00c3\u00ada e independencia\u00e2\u20ac\u009d, la Corte Constitucional ha prescrito l\u00c3\u00admites estrictos para la procedencia del amparo constitucional por la ocurrencia de un defecto f\u00c3\u00a1ctico. En este sentido, ha se\u00c3\u00b1alado que esta causal de procedibilidad se erige \u00e2\u20ac\u0153en uno ...<br \/><div class=\"pt-cv-rmwrap\"><a href=\"https:\/\/www.dmsjuridica.com\/buscador_20179478954\/corteconstitucionalcronologico202454587\/t-466-12\/\" class=\"_self pt-cv-readmore btn btn-success\" target=\"_self\">Ver Sentencia Completa...<\/a><\/div><\/div><\/div><\/div>\n<div class=\"col-md-12 col-sm-12 col-xs-12 pt-cv-content-item pt-cv-1-col\" ><div class='pt-cv-ifield'><a href=\"https:\/\/www.dmsjuridica.com\/buscador_20179478954\/corteconstitucionalcronologico202454587\/t-465-12\/\" class=\"_self pt-cv-href-thumbnail pt-cv-thumb-default\" target=\"_self\" ><\/a>\n<div class=\"pt-cv-taxoterm above_title\"><a href='https:\/\/www.dmsjuridica.com\/buscador_20179478954\/corteconstitucionalcronologico202454587\/category\/buscar-en-toda-la-corte\/2012\/tutelas-2012\/' title='Tutelas 2012' class='pt-cv-tax-tutelas-2012'>Tutelas 2012<\/a><\/div>\n<h4 class=\"pt-cv-title\"><a href=\"https:\/\/www.dmsjuridica.com\/buscador_20179478954\/corteconstitucionalcronologico202454587\/t-465-12\/\" class=\"_self\" target=\"_self\" >T-465-12<\/a><\/h4>\n<div class=\"pt-cv-content\">\u00a0 \u00a0 Sentencia T-465\/12 \u00a0 ACCION DE TUTELA PARA PROTEGER DERECHOS FUNDAMENTALES DE COMUNIDADES INDIGENAS-Procedencia \u00a0 DERECHO A LA IDENTIDAD CULTURAL INDIGENA-Protecci\u00f3n constitucional especial \u00a0 DERECHO COLECTIVO FUNDAMENTAL A LA IDENTIDAD CULTURAL INDIGENA-Garant\u00eda de la comunidad y de cada uno de sus miembros para actuar seg\u00fan su cosmovisi\u00f3n dentro y fuera del territorio tradicional \u00a0 PRESTACION DEL SERVICIO MILITAR DE INDIGENAS-Autoridades militares deben valorar las reales condiciones de la persona ind\u00edgena\u00a0 \u00a0 CONDICION INDIGENA-Su demostraci\u00f3n debe darse a partir de la identidad cultural real de la persona ind\u00edgena \u00a0 De acuerdo con la jurisprudencia constitucional, la demostraci\u00f3n de la condici\u00f3n ...<br \/><div class=\"pt-cv-rmwrap\"><a href=\"https:\/\/www.dmsjuridica.com\/buscador_20179478954\/corteconstitucionalcronologico202454587\/t-465-12\/\" class=\"_self pt-cv-readmore btn btn-success\" target=\"_self\">Ver Sentencia Completa...<\/a><\/div><\/div><\/div><\/div>\n<div class=\"col-md-12 col-sm-12 col-xs-12 pt-cv-content-item pt-cv-1-col\" ><div class='pt-cv-ifield'><a href=\"https:\/\/www.dmsjuridica.com\/buscador_20179478954\/corteconstitucionalcronologico202454587\/t-464-12\/\" class=\"_self pt-cv-href-thumbnail pt-cv-thumb-default\" target=\"_self\" ><\/a>\n<div class=\"pt-cv-taxoterm above_title\"><a href='https:\/\/www.dmsjuridica.com\/buscador_20179478954\/corteconstitucionalcronologico202454587\/category\/buscar-en-toda-la-corte\/2012\/tutelas-2012\/' title='Tutelas 2012' class='pt-cv-tax-tutelas-2012'>Tutelas 2012<\/a><\/div>\n<h4 class=\"pt-cv-title\"><a href=\"https:\/\/www.dmsjuridica.com\/buscador_20179478954\/corteconstitucionalcronologico202454587\/t-464-12\/\" class=\"_self\" target=\"_self\" >T-464-12<\/a><\/h4>\n<div class=\"pt-cv-content\">\u00a0 \u00a0 Sentencia T-464\/12 \u00a0 DERECHO DE PETICION ANTE ENTIDAD PROMOTORA DE SALUD-Debe responder oportunamente y de fondo\u00a0 \u00a0 HECHO SUPERADO-Concepto \u00a0 Cuando durante el tr\u00e1mite de la acci\u00f3n de tutela o de su revisi\u00f3n en esta Corte sobreviene la ocurrencia de los hechos que demuestren que la vulneraci\u00f3n de los derechos fundamentales, en principio a trav\u00e9s de la instauraci\u00f3n de la acci\u00f3n de tutela, ha dejado de ocurrir. \u00a0 JUEZ DE TUTELA-Facultad de fallar extra y ultra petita\u00a0 \u00a0 Para la Sala es claro que, dada la naturaleza de la presente acci\u00f3n, la labor del juez no debe circunscribirse ...<br \/><div class=\"pt-cv-rmwrap\"><a href=\"https:\/\/www.dmsjuridica.com\/buscador_20179478954\/corteconstitucionalcronologico202454587\/t-464-12\/\" class=\"_self pt-cv-readmore btn btn-success\" target=\"_self\">Ver Sentencia Completa...<\/a><\/div><\/div><\/div><\/div>\n<div class=\"col-md-12 col-sm-12 col-xs-12 pt-cv-content-item pt-cv-1-col\" ><div class='pt-cv-ifield'><a href=\"https:\/\/www.dmsjuridica.com\/buscador_20179478954\/corteconstitucionalcronologico202454587\/t-463-12\/\" class=\"_self pt-cv-href-thumbnail pt-cv-thumb-default\" target=\"_self\" ><\/a>\n<div class=\"pt-cv-taxoterm above_title\"><a href='https:\/\/www.dmsjuridica.com\/buscador_20179478954\/corteconstitucionalcronologico202454587\/category\/buscar-en-toda-la-corte\/2012\/tutelas-2012\/' title='Tutelas 2012' class='pt-cv-tax-tutelas-2012'>Tutelas 2012<\/a><\/div>\n<h4 class=\"pt-cv-title\"><a href=\"https:\/\/www.dmsjuridica.com\/buscador_20179478954\/corteconstitucionalcronologico202454587\/t-463-12\/\" class=\"_self\" target=\"_self\" >T-463-12<\/a><\/h4>\n<div class=\"pt-cv-content\">\u00a0 \u00a0 Sentencia T-463\/12 \u00a0 ACCION DE TUTELA PARA RECONOCIMIENTO DE PENSION DE INVALIDEZ-Procedencia excepcional por afectaci\u00f3n al m\u00ednimo vital y vida digna de sujetos de especial protecci\u00f3n \u00a0 PENSION DE INVALIDEZ-Derecho fundamental \u00a0 Uno de los eventos en los cuales el derecho a la pensi\u00f3n se considera fundamental, es aquel que se presenta cuando una persona ha \u00a0perdido su capacidad laboral o ha sufrido una disminuci\u00f3n de la misma por motivos ajenos a su voluntad. En estos casos, el derecho a la pensi\u00f3n de invalidez adquiere el car\u00e1cter de fundamental dada la condici\u00f3n de vulerabilidad o debilidad manifiesta del ...<br \/><div class=\"pt-cv-rmwrap\"><a href=\"https:\/\/www.dmsjuridica.com\/buscador_20179478954\/corteconstitucionalcronologico202454587\/t-463-12\/\" class=\"_self pt-cv-readmore btn btn-success\" target=\"_self\">Ver Sentencia Completa...<\/a><\/div><\/div><\/div><\/div>\n<div class=\"col-md-12 col-sm-12 col-xs-12 pt-cv-content-item pt-cv-1-col\" ><div class='pt-cv-ifield'><a href=\"https:\/\/www.dmsjuridica.com\/buscador_20179478954\/corteconstitucionalcronologico202454587\/t-462-12\/\" class=\"_self pt-cv-href-thumbnail pt-cv-thumb-default\" target=\"_self\" ><\/a>\n<div class=\"pt-cv-taxoterm above_title\"><a href='https:\/\/www.dmsjuridica.com\/buscador_20179478954\/corteconstitucionalcronologico202454587\/category\/buscar-en-toda-la-corte\/2012\/tutelas-2012\/' title='Tutelas 2012' class='pt-cv-tax-tutelas-2012'>Tutelas 2012<\/a><\/div>\n<h4 class=\"pt-cv-title\"><a href=\"https:\/\/www.dmsjuridica.com\/buscador_20179478954\/corteconstitucionalcronologico202454587\/t-462-12\/\" class=\"_self\" target=\"_self\" >T-462-12<\/a><\/h4>\n<div class=\"pt-cv-content\">\u00a0 \u00a0 \u00a0\u00a0 Sentencia T-462\/12 \u00a0 ACCION DE TUTELA PARA LA PROTECCION DE LOS DERECHOS FUNDAMENTALES DE LA POBLACION DESPLAZADA-Procedencia\u00a0 \u00a0 REGISTRO UNICO DE POBLACION DESPLAZADA-Reiteraci\u00f3n de jurisprudencia \u00a0 DERECHO A LA ATENCION HUMANITARIA DE EMERGENCIA-Fundamental\/DERECHO A LA ATENCION HUMANITARIA DE EMERGENCIA-Legitimaci\u00f3n\u00a0 \u00a0 AYUDA HUMANITARIA A PERSONA DESPLAZADA Y SU NUCLEO FAMILIAR-Reglas jurisprudenciales \u00a0 PRESTACION DEL SERVICIO MILITAR-Reiteraci\u00f3n de jurisprudencia\/SERVICIO MILITAR-Forma de responsabilidad social que se conserva entre la sociedad civil y el Estado\/SERVICIO MILITAR-Exenciones previstas en la Ley \u00a0 \u00a0 \u00a0 DERECHO A LA SALUD DE MIEMBROS DE LA FUERZA PUBLICA-Reiteraci\u00f3n de jurisprudencia \u00a0\u00a0 \u00a0 FUERZAS MILITARES-Obligaci\u00f3n de prestar ...<br \/><div class=\"pt-cv-rmwrap\"><a href=\"https:\/\/www.dmsjuridica.com\/buscador_20179478954\/corteconstitucionalcronologico202454587\/t-462-12\/\" class=\"_self pt-cv-readmore btn btn-success\" target=\"_self\">Ver Sentencia Completa...<\/a><\/div><\/div><\/div><\/div>\n<div class=\"col-md-12 col-sm-12 col-xs-12 pt-cv-content-item pt-cv-1-col\" ><div class='pt-cv-ifield'><a href=\"https:\/\/www.dmsjuridica.com\/buscador_20179478954\/corteconstitucionalcronologico202454587\/t-461-12\/\" class=\"_self pt-cv-href-thumbnail pt-cv-thumb-default\" target=\"_self\" ><\/a>\n<div class=\"pt-cv-taxoterm above_title\"><a href='https:\/\/www.dmsjuridica.com\/buscador_20179478954\/corteconstitucionalcronologico202454587\/category\/buscar-en-toda-la-corte\/2012\/tutelas-2012\/' title='Tutelas 2012' class='pt-cv-tax-tutelas-2012'>Tutelas 2012<\/a><\/div>\n<h4 class=\"pt-cv-title\"><a href=\"https:\/\/www.dmsjuridica.com\/buscador_20179478954\/corteconstitucionalcronologico202454587\/t-461-12\/\" class=\"_self\" target=\"_self\" >T-461-12<\/a><\/h4>\n<div class=\"pt-cv-content\">\u00a0 \u00a0 Sentencia T-461\/12 \u00a0 ACCION DE TUTELA DE MADRE CABEZA DE FAMILIA CONTRA COOPERATIVA DE TRABAJO ASOCIADO-Terminaci\u00f3n de relaci\u00f3n de trabajo por accidente cerebrovascular que gener\u00f3 incapacidad superior a 180 d\u00edas\u00a0y p\u00e9rdida de capacidad laboral de origen com\u00fan del 72.55% \u00a0 \u00a0 \u00a0 COOPERATIVA DE TRABAJO ASOCIADO-Elementos normativos y caracter\u00edsticas \u00a0 \u00a0 \u00a0 COOPERATIVA DE TRABAJO ASOCIADO-Naturaleza, funci\u00f3n y principios sobre los cuales debe desarrollar la actividad asociativa\/COOPERATIVA DE TRABAJO ASOCIADO-A pesar de estar regidas por sus propios estatutos y fuera del \u00e1mbito de la jurisdicci\u00f3n laboral no pueden desconocer las garant\u00edas constitucionales \u00a0 \u00a0 \u00a0 COOPERATIVA DE TRABAJO ...<br \/><div class=\"pt-cv-rmwrap\"><a href=\"https:\/\/www.dmsjuridica.com\/buscador_20179478954\/corteconstitucionalcronologico202454587\/t-461-12\/\" class=\"_self pt-cv-readmore btn btn-success\" target=\"_self\">Ver Sentencia Completa...<\/a><\/div><\/div><\/div><\/div>\n<div class=\"col-md-12 col-sm-12 col-xs-12 pt-cv-content-item pt-cv-1-col\" ><div class='pt-cv-ifield'><a href=\"https:\/\/www.dmsjuridica.com\/buscador_20179478954\/corteconstitucionalcronologico202454587\/t-460-12\/\" class=\"_self pt-cv-href-thumbnail pt-cv-thumb-default\" target=\"_self\" ><\/a>\n<div class=\"pt-cv-taxoterm above_title\"><a href='https:\/\/www.dmsjuridica.com\/buscador_20179478954\/corteconstitucionalcronologico202454587\/category\/buscar-en-toda-la-corte\/2012\/tutelas-2012\/' title='Tutelas 2012' class='pt-cv-tax-tutelas-2012'>Tutelas 2012<\/a><\/div>\n<h4 class=\"pt-cv-title\"><a href=\"https:\/\/www.dmsjuridica.com\/buscador_20179478954\/corteconstitucionalcronologico202454587\/t-460-12\/\" class=\"_self\" target=\"_self\" >T-460-12<\/a><\/h4>\n<div class=\"pt-cv-content\">\u00a0 \u00a0 Sentencia T-460\/12 \u00a0 LEGITIMACION POR ACTIVA DEL MINISTERIO PUBLICO EN MATERIA DE ACCION DE TUTELA-Reiteraci\u00f3n de jurisprudencia \u00a0 ACCION DE TUTELA-Procedencia para proteger derecho a la salud \u00a0 DEBER DE LAS EPS DE PRESTAR EL SERVICIO DE SALUD DE ACUERDO CON EL PRINCIPIO DE INTEGRALIDAD-Elementos que comprende \u00a0 El principio de integralidad, tal y como ha sido expuesto, comprende dos elementos: \u201c(i) garantizar la continuidad en la prestaci\u00f3n del servicio y (ii) evitar a los accionantes la interposici\u00f3n de nuevas acciones de tutela por cada nuevo servicio que sea prescrito por los m\u00e9dicos adscritos a la entidad, con ...<br \/><div class=\"pt-cv-rmwrap\"><a href=\"https:\/\/www.dmsjuridica.com\/buscador_20179478954\/corteconstitucionalcronologico202454587\/t-460-12\/\" class=\"_self pt-cv-readmore btn btn-success\" target=\"_self\">Ver Sentencia Completa...<\/a><\/div><\/div><\/div><\/div>\n<div class=\"col-md-12 col-sm-12 col-xs-12 pt-cv-content-item pt-cv-1-col\" ><div class='pt-cv-ifield'><a href=\"https:\/\/www.dmsjuridica.com\/buscador_20179478954\/corteconstitucionalcronologico202454587\/t-459-12\/\" class=\"_self pt-cv-href-thumbnail pt-cv-thumb-default\" target=\"_self\" ><\/a>\n<div class=\"pt-cv-taxoterm above_title\"><a href='https:\/\/www.dmsjuridica.com\/buscador_20179478954\/corteconstitucionalcronologico202454587\/category\/buscar-en-toda-la-corte\/2012\/tutelas-2012\/' title='Tutelas 2012' class='pt-cv-tax-tutelas-2012'>Tutelas 2012<\/a><\/div>\n<h4 class=\"pt-cv-title\"><a href=\"https:\/\/www.dmsjuridica.com\/buscador_20179478954\/corteconstitucionalcronologico202454587\/t-459-12\/\" class=\"_self\" target=\"_self\" >T-459-12<\/a><\/h4>\n<div class=\"pt-cv-content\">\u00a0 \u00a0 Sentencia T-459\/12 \u00a0 ACCION DE TUTELA CONTRA EL EJERCITO NACIONAL-Desvinculaci\u00f3n del servicio activo como soldado profesional por presentar una disminuci\u00f3n en su capacidad laboral del 10% \u00a0 PROTECCION ESPECIAL QUE MERECEN LAS PERSONAS EN SITUACION DE DISCAPACIDAD\/ESTABILIDAD LABORAL REFORZADA DE PERSONAS EN SITUACION DE DISCAPACIDAD \u00a0 La estabilidad laboral reforzada de las personas en situaci\u00f3n de discapacidad, es una garant\u00eda constitucional otorgada a quienes por su situaci\u00f3n f\u00edsica, ps\u00edquica y sensorial, se encuentran en una situaci\u00f3n de debilidad. Esta protecci\u00f3n hace parte del derecho al trabajo y tiene como fundamental el hecho de que estas personas no se ...<br \/><div class=\"pt-cv-rmwrap\"><a href=\"https:\/\/www.dmsjuridica.com\/buscador_20179478954\/corteconstitucionalcronologico202454587\/t-459-12\/\" class=\"_self pt-cv-readmore btn btn-success\" target=\"_self\">Ver Sentencia Completa...<\/a><\/div><\/div><\/div><\/div>\n<div class=\"col-md-12 col-sm-12 col-xs-12 pt-cv-content-item pt-cv-1-col\" ><div class='pt-cv-ifield'><a href=\"https:\/\/www.dmsjuridica.com\/buscador_20179478954\/corteconstitucionalcronologico202454587\/t-455-12\/\" class=\"_self pt-cv-href-thumbnail pt-cv-thumb-default\" target=\"_self\" ><\/a>\n<div class=\"pt-cv-taxoterm above_title\"><a href='https:\/\/www.dmsjuridica.com\/buscador_20179478954\/corteconstitucionalcronologico202454587\/category\/buscar-en-toda-la-corte\/2012\/tutelas-2012\/' title='Tutelas 2012' class='pt-cv-tax-tutelas-2012'>Tutelas 2012<\/a><\/div>\n<h4 class=\"pt-cv-title\"><a href=\"https:\/\/www.dmsjuridica.com\/buscador_20179478954\/corteconstitucionalcronologico202454587\/t-455-12\/\" class=\"_self\" target=\"_self\" >T-455-12<\/a><\/h4>\n<div class=\"pt-cv-content\">\u00a0 \u00a0 Sentencia T-455\/12 \u00a0 ARBITRAMENTO-Definici\u00f3n, alcance y desarrollo constitucional \u00a0 ACCION DE TUTELA CONTRA LAUDOS ARBITRALES-Procedencia excepcional \u00a0 ACCION DE TUTELA CONTRA PROVIDENCIAS JUDICIALES-Reiteraci\u00f3n de jurisprudencia sobre procedencia excepcional\u00a0 \u00a0 ACCION DE TUTELA CONTRA PROVIDENCIAS JUDICIALES-Requisitos generales y especiales de procedibilidad\u00a0 \u00a0 ARBITRAMENTO-Concepto \u00a0 El arbitramento como mecanismo alterno de soluci\u00f3n de conflictos, implica la\u00a0 derogaci\u00f3n que hacen las partes de la jurisdicci\u00f3n para que, frente a un conflicto determinado o precaviendo uno futuro, sean terceros distintos de los jueces quienes resuelvan la controversia suscitada (con car\u00e1cter definitivo), mediante una decisi\u00f3n -laudo arbitral- que hace tr\u00e1nsito a cosa juzgada, ...<br \/><div class=\"pt-cv-rmwrap\"><a href=\"https:\/\/www.dmsjuridica.com\/buscador_20179478954\/corteconstitucionalcronologico202454587\/t-455-12\/\" class=\"_self pt-cv-readmore btn btn-success\" target=\"_self\">Ver Sentencia Completa...<\/a><\/div><\/div><\/div><\/div>\n<div class=\"col-md-12 col-sm-12 col-xs-12 pt-cv-content-item pt-cv-1-col\" ><div class='pt-cv-ifield'><a href=\"https:\/\/www.dmsjuridica.com\/buscador_20179478954\/corteconstitucionalcronologico202454587\/t-454-12\/\" class=\"_self pt-cv-href-thumbnail pt-cv-thumb-default\" target=\"_self\" ><\/a>\n<div class=\"pt-cv-taxoterm above_title\"><a href='https:\/\/www.dmsjuridica.com\/buscador_20179478954\/corteconstitucionalcronologico202454587\/category\/buscar-en-toda-la-corte\/2012\/tutelas-2012\/' title='Tutelas 2012' class='pt-cv-tax-tutelas-2012'>Tutelas 2012<\/a><\/div>\n<h4 class=\"pt-cv-title\"><a href=\"https:\/\/www.dmsjuridica.com\/buscador_20179478954\/corteconstitucionalcronologico202454587\/t-454-12\/\" class=\"_self\" target=\"_self\" >T-454-12<\/a><\/h4>\n<div class=\"pt-cv-content\">\u00a0 \u00a0 Sentencia T-454\/12 \u00a0 CARENCIA ACTUAL DE OBJETO-Reiteraci\u00f3n de jurisprudencia \u00a0 \u00a0 \u00a0 CARENCIA ACTUAL DE OBJETO-Da\u00f1o consumado y hecho superado \u00a0 \u00a0 \u00a0 PROTECCION DEL DERECHO A LA PROPIEDAD PRIVADA-Reiteraci\u00f3n\u00a0de jurisprudencia \u00a0 \u00a0 \u00a0 PROPIEDAD PRIVADA-Principios que delimitan su contenido \u00a0 \u00a0 \u00a0 PROPIEDAD PRIVADA DE PERSONAS NATURALES Y JURIDICAS-Ejercicio no puede ser objeto de restricciones irrazonables o desproporcionadas que desconozcan su inter\u00e9s leg\u00edtimo \u00a0 \u00a0 \u00a0 DERECHO A LA PROPIEDAD PRIVADA POR VIA DE TUTELA-Procedencia excepcional por conexidad con la dignidad humana \u00a0 \u00a0 \u00a0 ACCION DE TUTELA PARA EXIGIR EJECUCION Y CUMPLIMIENTO DE DECISIONES JUDICIALES-Procedencia \u00a0 ...<br \/><div class=\"pt-cv-rmwrap\"><a href=\"https:\/\/www.dmsjuridica.com\/buscador_20179478954\/corteconstitucionalcronologico202454587\/t-454-12\/\" class=\"_self pt-cv-readmore btn btn-success\" target=\"_self\">Ver Sentencia Completa...<\/a><\/div><\/div><\/div><\/div>\n<div class=\"col-md-12 col-sm-12 col-xs-12 pt-cv-content-item pt-cv-1-col\" ><div class='pt-cv-ifield'><a href=\"https:\/\/www.dmsjuridica.com\/buscador_20179478954\/corteconstitucionalcronologico202454587\/t-453-12\/\" class=\"_self pt-cv-href-thumbnail pt-cv-thumb-default\" target=\"_self\" ><\/a>\n<div class=\"pt-cv-taxoterm above_title\"><a href='https:\/\/www.dmsjuridica.com\/buscador_20179478954\/corteconstitucionalcronologico202454587\/category\/buscar-en-toda-la-corte\/2012\/tutelas-2012\/' title='Tutelas 2012' class='pt-cv-tax-tutelas-2012'>Tutelas 2012<\/a><\/div>\n<h4 class=\"pt-cv-title\"><a href=\"https:\/\/www.dmsjuridica.com\/buscador_20179478954\/corteconstitucionalcronologico202454587\/t-453-12\/\" class=\"_self\" target=\"_self\" >T-453-12<\/a><\/h4>\n<div class=\"pt-cv-content\">\u00a0 \u00a0 {p} \u00a0 Sentencia T-453\/12 \u00a0 ACCION DE TUTELA PARA EL RECONOCIMIENTO DE PENSIONES-Car\u00e1cter excepcional \u00a0 La naturaleza subsidiaria y residual que la Carta Pol\u00edtica le atribuy\u00f3 a la acci\u00f3n de tutela justifica que su procedibilidad se haya reservado a tres escenarios concretos: aquel en el que el ciudadano no cuenta con otro mecanismo de defensa judicial para obtener el amparo invocado, aquel en el que los medios judiciales disponibles son ineficaces o carecen de idoneidad para obtener tal protecci\u00f3n y, por \u00faltimo, el que se presenta cuando el ciudadano se ve enfrentado a un perjuicio irremediable. Cuando la ...<br \/><div class=\"pt-cv-rmwrap\"><a href=\"https:\/\/www.dmsjuridica.com\/buscador_20179478954\/corteconstitucionalcronologico202454587\/t-453-12\/\" class=\"_self pt-cv-readmore btn btn-success\" target=\"_self\">Ver Sentencia Completa...<\/a><\/div><\/div><\/div><\/div>\n<div class=\"col-md-12 col-sm-12 col-xs-12 pt-cv-content-item pt-cv-1-col\" ><div class='pt-cv-ifield'><a href=\"https:\/\/www.dmsjuridica.com\/buscador_20179478954\/corteconstitucionalcronologico202454587\/t-452-12\/\" class=\"_self pt-cv-href-thumbnail pt-cv-thumb-default\" target=\"_self\" ><\/a>\n<div class=\"pt-cv-taxoterm above_title\"><a href='https:\/\/www.dmsjuridica.com\/buscador_20179478954\/corteconstitucionalcronologico202454587\/category\/buscar-en-toda-la-corte\/2012\/tutelas-2012\/' title='Tutelas 2012' class='pt-cv-tax-tutelas-2012'>Tutelas 2012<\/a><\/div>\n<h4 class=\"pt-cv-title\"><a href=\"https:\/\/www.dmsjuridica.com\/buscador_20179478954\/corteconstitucionalcronologico202454587\/t-452-12\/\" class=\"_self\" target=\"_self\" >T-452-12<\/a><\/h4>\n<div class=\"pt-cv-content\">\u00a0 \u00a0 Sentencia T-452\/12 \u00a0 ACCION DE TUTELA COMO MECANISMO SUBSIDIARIO ANTE LA INMINENCIA DE UN PERJUICIO IRREMEDIABLE CONTRA MENORES DE EDAD-Autorizaci\u00f3n salida del pa\u00eds \u00a0 PROCEDENCIA DE LA ACCION DE TUTELA ANTE EXISTENCIA DE OTRO MEDIO DE DEFENSA JUDICIAL-Reiteraci\u00f3n de jurisprudencia \u00a0 \u00a0 \u00a0 PERJUICIO IRREMEDIABLE-Evaluaci\u00f3n de la inminencia \u00a0 \u00a0 \u00a0 INMINENCIA DEL PERJUICIO IRREMEDIABLE-Urgencia e impostergabilidad de medidas de protecci\u00f3n \u00a0 \u00a0 \u00a0 INTERES SUPERIOR DEL MENOR-Protecci\u00f3n \u00a0 \u00a0 \u00a0 PROTECCION DE LOS DERECHOS E INTERESES DEL MENOR-Criterios que deben regir de acuerdo a las disposiciones nacionales e internacionales \u00a0 \u00a0 \u00a0 INTERES SUPERIOR DEL MENOR-Criterios jur\u00eddicos ...<br \/><div class=\"pt-cv-rmwrap\"><a href=\"https:\/\/www.dmsjuridica.com\/buscador_20179478954\/corteconstitucionalcronologico202454587\/t-452-12\/\" class=\"_self pt-cv-readmore btn btn-success\" target=\"_self\">Ver Sentencia Completa...<\/a><\/div><\/div><\/div><\/div>\n<div class=\"col-md-12 col-sm-12 col-xs-12 pt-cv-content-item pt-cv-1-col\" ><div class='pt-cv-ifield'><a href=\"https:\/\/www.dmsjuridica.com\/buscador_20179478954\/corteconstitucionalcronologico202454587\/t-451-12\/\" class=\"_self pt-cv-href-thumbnail pt-cv-thumb-default\" target=\"_self\" ><\/a>\n<div class=\"pt-cv-taxoterm above_title\"><a href='https:\/\/www.dmsjuridica.com\/buscador_20179478954\/corteconstitucionalcronologico202454587\/category\/buscar-en-toda-la-corte\/2012\/tutelas-2012\/' title='Tutelas 2012' class='pt-cv-tax-tutelas-2012'>Tutelas 2012<\/a><\/div>\n<h4 class=\"pt-cv-title\"><a href=\"https:\/\/www.dmsjuridica.com\/buscador_20179478954\/corteconstitucionalcronologico202454587\/t-451-12\/\" class=\"_self\" target=\"_self\" >T-451-12<\/a><\/h4>\n<div class=\"pt-cv-content\">\u00a0 \u00a0 Sentencia T-451\/12 \u00a0 ACCION DE TUTELA CONTRA PROVIDENCIAS JUDICIALES-Reiteraci\u00f3n de jurisprudencia sobre procedencia excepcional \u00a0 \u00a0 \u00a0 ACCION DE TUTELA CONTRA PROVIDENCIAS JUDICIALES-Requisitos formales \u00a0 \u00a0 \u00a0 ACCION DE TUTELA CONTRA PROVIDENCIAS JUDICIALES-Causales gen\u00e9ricas de procedibilidad \u00a0 \u00a0 \u00a0 DEFECTO SUSTANTIVO-Causal gen\u00e9rica de procedencia de la acci\u00f3n de tutela contra decisiones judiciales \u00a0 \u00a0 \u00a0 PRINCIPIO DE AUTONOMIA E INDEPENDENCIA JUDICIAL-Competencia de autoridades judiciales para interpretar y aplicar normas jur\u00eddicas no es absoluta \u00a0 \u00a0 \u00a0 DEFECTO SUSTANTIVO-Configuraci\u00f3n \u00a0 \u00a0 \u00a0 DEBIDO PROCESO DE SOCIEDAD EN COMANDITA-Ejecuci\u00f3n por incumplimiento de obligaciones pues quien suscribi\u00f3 pagar\u00e9s no ten\u00eda facultad ...<br \/><div class=\"pt-cv-rmwrap\"><a href=\"https:\/\/www.dmsjuridica.com\/buscador_20179478954\/corteconstitucionalcronologico202454587\/t-451-12\/\" class=\"_self pt-cv-readmore btn btn-success\" target=\"_self\">Ver Sentencia Completa...<\/a><\/div><\/div><\/div><\/div>\n<div class=\"col-md-12 col-sm-12 col-xs-12 pt-cv-content-item pt-cv-1-col\" ><div class='pt-cv-ifield'><a href=\"https:\/\/www.dmsjuridica.com\/buscador_20179478954\/corteconstitucionalcronologico202454587\/t-450-12\/\" class=\"_self pt-cv-href-thumbnail pt-cv-thumb-default\" target=\"_self\" ><\/a>\n<div class=\"pt-cv-taxoterm above_title\"><a href='https:\/\/www.dmsjuridica.com\/buscador_20179478954\/corteconstitucionalcronologico202454587\/category\/buscar-en-toda-la-corte\/2012\/tutelas-2012\/' title='Tutelas 2012' class='pt-cv-tax-tutelas-2012'>Tutelas 2012<\/a><\/div>\n<h4 class=\"pt-cv-title\"><a href=\"https:\/\/www.dmsjuridica.com\/buscador_20179478954\/corteconstitucionalcronologico202454587\/t-450-12\/\" class=\"_self\" target=\"_self\" >T-450-12<\/a><\/h4>\n<div class=\"pt-cv-content\">\u00a0 \u00a0 Sentencia T-450\/12 \u00a0 ACCION DE TUTELA CONTRA PROVIDENCIAS JUDICIALES-Reiteraci\u00f3n de jurisprudencia sobre procedencia excepcional \u00a0 PRINCIPIO DE INMEDIATEZ COMO REQUISITO DE PROCEDIBILIDAD DE LA ACCION DE TUTELA \u00a0 ACCION DE TUTELA CONTRA PROVIDENCIAS JUDICIALES Y PRINCIPIO DE INMEDIATEZ \u00a0 CARACTERIZACION DEL DEFECTO MATERIAL O SUSTANTIVO COMO CAUSAL DE PROCEDIBILIDAD DE LA ACCION DE TUTELA CONTRA PROVIDENCIAS JUDICIALES-Reiteraci\u00f3n de jurisprudencia \u00a0 ACCION DE TUTELA-Subsidiariedad \u00a0 Referencia: expediente T-3.172.284 \u00a0 Acci\u00f3n de Tutela interpuesta por \u00c1lvaro Ar\u00edstides Jim\u00e9nez S\u00e1nchez, en nombre y representaci\u00f3n de la empresa AQUAPANAMA OVERSEAS INC., contra el Tribunal Administrativo de Bol\u00edvar, Sala de Decisi\u00f3n. \u00a0 Magistrado ...<br \/><div class=\"pt-cv-rmwrap\"><a href=\"https:\/\/www.dmsjuridica.com\/buscador_20179478954\/corteconstitucionalcronologico202454587\/t-450-12\/\" class=\"_self pt-cv-readmore btn btn-success\" target=\"_self\">Ver Sentencia Completa...<\/a><\/div><\/div><\/div><\/div>\n<div class=\"col-md-12 col-sm-12 col-xs-12 pt-cv-content-item pt-cv-1-col\" ><div class='pt-cv-ifield'><a href=\"https:\/\/www.dmsjuridica.com\/buscador_20179478954\/corteconstitucionalcronologico202454587\/t-449-12\/\" class=\"_self pt-cv-href-thumbnail pt-cv-thumb-default\" target=\"_self\" ><\/a>\n<div class=\"pt-cv-taxoterm above_title\"><a href='https:\/\/www.dmsjuridica.com\/buscador_20179478954\/corteconstitucionalcronologico202454587\/category\/buscar-en-toda-la-corte\/2012\/tutelas-2012\/' title='Tutelas 2012' class='pt-cv-tax-tutelas-2012'>Tutelas 2012<\/a><\/div>\n<h4 class=\"pt-cv-title\"><a href=\"https:\/\/www.dmsjuridica.com\/buscador_20179478954\/corteconstitucionalcronologico202454587\/t-449-12\/\" class=\"_self\" target=\"_self\" >T-449-12<\/a><\/h4>\n<div class=\"pt-cv-content\">\u00a0 \u00a0 \u00a0\u00a0 Sentencia T-449\/12 \u00a0 (Bogot\u00e1 D.C., junio 20) \u00a0 ACCION DE TUTELA CONTRA SENTENCIA DE TUTELA-Improcedencia para controvertir decisiones que se adoptan en procesos de esta naturaleza \u00a0 ACCION DE TUTELA CONTRA SENTENCIA DE TUTELA-Improcedencia en caso de Cajanal que interpuso tutela contra sentencia de tutela por existir cosa juzgada constitucional \u00a0 Referencia: expediente T-3.284.339 \u00a0 \u00a0\u00a0 \u00a0 \u00a0 \u00a0 Fallos de tutela objeto de revisi\u00f3n: Sentencia del Tribunal Superior de Distrito Judicial de Bogot\u00e1, del 12 de octubre de 2011, que neg\u00f3 el amparo constitucional. \u00a0 \u00a0\u00a0 \u00a0 \u00a0 \u00a0 Accionante: Caja Nacional de Previsi\u00f3n Social \u00a0EICE-CAJANAL ...<br \/><div class=\"pt-cv-rmwrap\"><a href=\"https:\/\/www.dmsjuridica.com\/buscador_20179478954\/corteconstitucionalcronologico202454587\/t-449-12\/\" class=\"_self pt-cv-readmore btn btn-success\" target=\"_self\">Ver Sentencia Completa...<\/a><\/div><\/div><\/div><\/div>\n<div class=\"col-md-12 col-sm-12 col-xs-12 pt-cv-content-item pt-cv-1-col\" ><div class='pt-cv-ifield'><a href=\"https:\/\/www.dmsjuridica.com\/buscador_20179478954\/corteconstitucionalcronologico202454587\/t-448-12\/\" class=\"_self pt-cv-href-thumbnail pt-cv-thumb-default\" target=\"_self\" ><\/a>\n<div class=\"pt-cv-taxoterm above_title\"><a href='https:\/\/www.dmsjuridica.com\/buscador_20179478954\/corteconstitucionalcronologico202454587\/category\/buscar-en-toda-la-corte\/2012\/tutelas-2012\/' title='Tutelas 2012' class='pt-cv-tax-tutelas-2012'>Tutelas 2012<\/a><\/div>\n<h4 class=\"pt-cv-title\"><a href=\"https:\/\/www.dmsjuridica.com\/buscador_20179478954\/corteconstitucionalcronologico202454587\/t-448-12\/\" class=\"_self\" target=\"_self\" >T-448-12<\/a><\/h4>\n<div class=\"pt-cv-content\">\u00a0 \u00a0 Sentencia T-448\/12\u00a0 \u00a0 (Bogot\u00e1 D.C., junio 20) \u00a0 UNIDAD NACIONAL DE PROTECCION-Naturaleza jur\u00eddica \u00a0 UNIDAD NACIONAL DE PROTECCION-Objetivo \u00a0 PRINCIPIO DE SUBSIDIARIEDAD E INMEDIATEZ EN LA ACCION DE TUTELA-Requisitos de procedibilidad \u00a0 DERECHO AL HABEAS DATA Y ACCESO A DOCUMENTOS PUBLICOS-Condiciones para su procedencia a trav\u00e9s de acci\u00f3n de tutela\/DERECHO AL HABEAS DATA Y ACCESO A DOCUMENTOS PUBLICOS-Recurso de insistencia ante la jurisdicci\u00f3n contencioso administrativa\u00a0 \u00a0 Cuando no se han cumplido los requisitos, es decir, cuando la respuesta por parte de la entidad p\u00fablica es tard\u00eda, no es dada o se niega el acceso a la informaci\u00f3n, pero ...<br \/><div class=\"pt-cv-rmwrap\"><a href=\"https:\/\/www.dmsjuridica.com\/buscador_20179478954\/corteconstitucionalcronologico202454587\/t-448-12\/\" class=\"_self pt-cv-readmore btn btn-success\" target=\"_self\">Ver Sentencia Completa...<\/a><\/div><\/div><\/div><\/div>\n<div class=\"col-md-12 col-sm-12 col-xs-12 pt-cv-content-item pt-cv-1-col\" ><div class='pt-cv-ifield'><a href=\"https:\/\/www.dmsjuridica.com\/buscador_20179478954\/corteconstitucionalcronologico202454587\/t-447-12\/\" class=\"_self pt-cv-href-thumbnail pt-cv-thumb-default\" target=\"_self\" ><\/a>\n<div class=\"pt-cv-taxoterm above_title\"><a href='https:\/\/www.dmsjuridica.com\/buscador_20179478954\/corteconstitucionalcronologico202454587\/category\/buscar-en-toda-la-corte\/2012\/tutelas-2012\/' title='Tutelas 2012' class='pt-cv-tax-tutelas-2012'>Tutelas 2012<\/a><\/div>\n<h4 class=\"pt-cv-title\"><a href=\"https:\/\/www.dmsjuridica.com\/buscador_20179478954\/corteconstitucionalcronologico202454587\/t-447-12\/\" class=\"_self\" target=\"_self\" >T-447-12<\/a><\/h4>\n<div class=\"pt-cv-content\">\u00a0 \u00a0 Sentencia T-447\/12 \u00a0 \u00a0(Bogot\u00e1, DC, junio 20) \u00a0 PRINCIPIO DE SUBSIDIARIEDAD E INMEDIATEZ EN LA ACCION DE TUTELA-Requisitos de procedibilidad \u00a0 ACCION DE TUTELA-Principio de inmediatez \u00a0 PERJUICIO IRREMEDIABLE-Concepto\/PERJUICIO IRREMEDIABLE-Criterios para determinar su configuraci\u00f3n \u00a0 ACCION DE TUTELA PARA RECONOCIMIENTO ECONOMICO POR SUSPENSION DE LABORES DE MINERIA-Improcedencia por cuanto no se demostr\u00f3 perjuicio irremediable y afectaci\u00f3n del m\u00ednimo vital\u00a0 \u00a0 Referencia: expediente T 3.354.923 \u00a0 \u00a0\u00a0 \u00a0 \u00a0 \u00a0 Fallo de tutela objeto revisi\u00f3n: Sentencia del Tribunal Administrativo de Antioquia \u2013 Sala Primera de Decisi\u00f3n del 5 de diciembre de 2011 \u00a0 \u00a0\u00a0 \u00a0 \u00a0 \u00a0 Accionante: Norberto ...<br \/><div class=\"pt-cv-rmwrap\"><a href=\"https:\/\/www.dmsjuridica.com\/buscador_20179478954\/corteconstitucionalcronologico202454587\/t-447-12\/\" class=\"_self pt-cv-readmore btn btn-success\" target=\"_self\">Ver Sentencia Completa...<\/a><\/div><\/div><\/div><\/div>\n<div class=\"col-md-12 col-sm-12 col-xs-12 pt-cv-content-item pt-cv-1-col\" ><div class='pt-cv-ifield'><a href=\"https:\/\/www.dmsjuridica.com\/buscador_20179478954\/corteconstitucionalcronologico202454587\/t-446-12\/\" class=\"_self pt-cv-href-thumbnail pt-cv-thumb-default\" target=\"_self\" ><\/a>\n<div class=\"pt-cv-taxoterm above_title\"><a href='https:\/\/www.dmsjuridica.com\/buscador_20179478954\/corteconstitucionalcronologico202454587\/category\/buscar-en-toda-la-corte\/2012\/tutelas-2012\/' title='Tutelas 2012' class='pt-cv-tax-tutelas-2012'>Tutelas 2012<\/a><\/div>\n<h4 class=\"pt-cv-title\"><a href=\"https:\/\/www.dmsjuridica.com\/buscador_20179478954\/corteconstitucionalcronologico202454587\/t-446-12\/\" class=\"_self\" target=\"_self\" >T-446-12<\/a><\/h4>\n<div class=\"pt-cv-content\">\u00a0 \u00a0 Sentencia T-446\/12 \u00a0 (Bogot\u00e1, DC, junio 20 de 2012) \u00a0 DERECHO FUNDAMENTAL A LA SALUD-Suministro de pr\u00f3tesis ortop\u00e9dica \u00a0 CONCEPTO DEL MEDICO TRATANTE-Car\u00e1cter prevalente de la prescripci\u00f3n m\u00e9dica cuando es emitida por el m\u00e9dico tratante \u00a0 COMITE TECNICO CIENTIFICO DE ENTIDAD PROMOTORA DE SALUD-Naturaleza administrativa \u00a0 ENTIDAD PROMOTORA DE SALUD-Vulneraci\u00f3n del derecho a la salud cuando las entidades prestadoras de los servicios de salud se niegan a suministrar tratamientos, medicamentos y procedimientos incluidos en el POS o POS-S \u00a0 Referencia: expediente T-3.357.323 \u00a0 \u00a0\u00a0 Fallo de tutela objeto revisi\u00f3n: Sentencia del Juzgado Segundo (2) Civil Municipal de Fusagasug\u00e1 ...<br \/><div class=\"pt-cv-rmwrap\"><a href=\"https:\/\/www.dmsjuridica.com\/buscador_20179478954\/corteconstitucionalcronologico202454587\/t-446-12\/\" class=\"_self pt-cv-readmore btn btn-success\" target=\"_self\">Ver Sentencia Completa...<\/a><\/div><\/div><\/div><\/div>\n<div class=\"col-md-12 col-sm-12 col-xs-12 pt-cv-content-item pt-cv-1-col\" ><div class='pt-cv-ifield'><a href=\"https:\/\/www.dmsjuridica.com\/buscador_20179478954\/corteconstitucionalcronologico202454587\/t-445-12\/\" class=\"_self pt-cv-href-thumbnail pt-cv-thumb-default\" target=\"_self\" ><\/a>\n<div class=\"pt-cv-taxoterm above_title\"><a href='https:\/\/www.dmsjuridica.com\/buscador_20179478954\/corteconstitucionalcronologico202454587\/category\/buscar-en-toda-la-corte\/2012\/tutelas-2012\/' title='Tutelas 2012' class='pt-cv-tax-tutelas-2012'>Tutelas 2012<\/a><\/div>\n<h4 class=\"pt-cv-title\"><a href=\"https:\/\/www.dmsjuridica.com\/buscador_20179478954\/corteconstitucionalcronologico202454587\/t-445-12\/\" class=\"_self\" target=\"_self\" >T-445-12<\/a><\/h4>\n<div class=\"pt-cv-content\">\u00a0 \u00a0 Sentencia T-445\/12 \u00a0 Bogot\u00e1 D.C., junio 20) \u00a0 DERECHO FUNDAMENTAL A LA VIVIENDA DIGNA DE POBLACION DESPLAZADA-Reiteraci\u00f3n de jurisprudencia \u00a0 DESPLAZADOS POR LA VIOLENCIA-Sujetos de especial protecci\u00f3n constitucional\u00a0 \u00a0 PRINCIPIO DE SUBSIDIARIEDAD E INMEDIATEZ EN LA ACCION DE TUTELA-Requisitos de procedibilidad\u00a0 \u00a0 DERECHOS DE PERSONA DE LA TERCERA EDAD-Protecci\u00f3n constitucional especial \u00a0 DERECHO A LA VIVIENDA DIGNA DE POBLACION DESPLAZADA-Obligaciones correlativas de las autoridades p\u00fablicas para la asignaci\u00f3n del subsidio familiar de vivienda \u00a0 DERECHO A LA VIVIENDA DIGNA-Fundamental \u00a0 Referencia: expediente T-3.365.984 \u00a0 \u00a0\u00a0 \u00a0 \u00a0 \u00a0 Fallos de tutela objeto de revisi\u00f3n: Sentencia de la Sala ...<br \/><div class=\"pt-cv-rmwrap\"><a href=\"https:\/\/www.dmsjuridica.com\/buscador_20179478954\/corteconstitucionalcronologico202454587\/t-445-12\/\" class=\"_self pt-cv-readmore btn btn-success\" target=\"_self\">Ver Sentencia Completa...<\/a><\/div><\/div><\/div><\/div>\n<div class=\"col-md-12 col-sm-12 col-xs-12 pt-cv-content-item pt-cv-1-col\" ><div class='pt-cv-ifield'><a href=\"https:\/\/www.dmsjuridica.com\/buscador_20179478954\/corteconstitucionalcronologico202454587\/t-444-12\/\" class=\"_self pt-cv-href-thumbnail pt-cv-thumb-default\" target=\"_self\" ><\/a>\n<div class=\"pt-cv-taxoterm above_title\"><a href='https:\/\/www.dmsjuridica.com\/buscador_20179478954\/corteconstitucionalcronologico202454587\/category\/buscar-en-toda-la-corte\/2012\/tutelas-2012\/' title='Tutelas 2012' class='pt-cv-tax-tutelas-2012'>Tutelas 2012<\/a><\/div>\n<h4 class=\"pt-cv-title\"><a href=\"https:\/\/www.dmsjuridica.com\/buscador_20179478954\/corteconstitucionalcronologico202454587\/t-444-12\/\" class=\"_self\" target=\"_self\" >T-444-12<\/a><\/h4>\n<div class=\"pt-cv-content\">\u00a0 \u00a0 Sentencia T-444\/12 \u00a0 (Bogot\u00e1, DC, \u00a0junio 20) \u00a0 AGENCIA OFICIOSA EN TUTELA-Elementos normativos que la conforman \u00a0 LEGITIMACION POR ACTIVA EN TUTELA-Configuraci\u00f3n \u00a0 ACCION DE TUTELA-Improcedencia por falta de legitimaci\u00f3n por activa\u00a0 \u00a0 Referencia: expediente T-3.368.147 \u00a0 \u00a0\u00a0 \u00a0 \u00a0 \u00a0 Fallos de tutela objeto revisi\u00f3n: Sentencia del 24 de enero de 2012 de la Sala Laboral de la Corte Suprema de Justicia \u2013 la cual confirm\u00f3 la Sentencia del 25 de noviembre de 2011 de la Sala Civil de la Corte Suprema de Justicia. \u00a0 \u00a0\u00a0 \u00a0 \u00a0 \u00a0\u00a0 Accionantes: Wilson Alay\u00f3n Alay\u00f3n, quien act\u00faa como agente ...<br \/><div class=\"pt-cv-rmwrap\"><a href=\"https:\/\/www.dmsjuridica.com\/buscador_20179478954\/corteconstitucionalcronologico202454587\/t-444-12\/\" class=\"_self pt-cv-readmore btn btn-success\" target=\"_self\">Ver Sentencia Completa...<\/a><\/div><\/div><\/div><\/div>\n<div class=\"col-md-12 col-sm-12 col-xs-12 pt-cv-content-item pt-cv-1-col\" ><div class='pt-cv-ifield'><a href=\"https:\/\/www.dmsjuridica.com\/buscador_20179478954\/corteconstitucionalcronologico202454587\/t-443-12\/\" class=\"_self pt-cv-href-thumbnail pt-cv-thumb-default\" target=\"_self\" ><\/a>\n<div class=\"pt-cv-taxoterm above_title\"><a href='https:\/\/www.dmsjuridica.com\/buscador_20179478954\/corteconstitucionalcronologico202454587\/category\/buscar-en-toda-la-corte\/2012\/tutelas-2012\/' title='Tutelas 2012' class='pt-cv-tax-tutelas-2012'>Tutelas 2012<\/a><\/div>\n<h4 class=\"pt-cv-title\"><a href=\"https:\/\/www.dmsjuridica.com\/buscador_20179478954\/corteconstitucionalcronologico202454587\/t-443-12\/\" class=\"_self\" target=\"_self\" >T-443-12<\/a><\/h4>\n<div class=\"pt-cv-content\">\u00a0 \u00a0 Sentencia T-443\/12 \u00a0 ACCION DE TUTELA-Vinculaci\u00f3n oficiosa de la causa pasiva \u00a0 PROCEDIBILIDAD DE LA ACCION DE TUTELA-Legitimaci\u00f3n activa \u00a0 PROCEDIBILIDAD DE LA ACCION DE TUTELA-Legitimaci\u00f3n pasiva \u00a0 PRINCIPIO DE SUBSIDIARIEDAD COMO REQUISITO DE PROCEDIBILIDAD DE LA ACCION DE TUTELA-Reiteraci\u00f3n de jurisprudencia \u00a0 ACCION DE TUTELA PARA EL RECONOCIMIENTO, REACTIVACION O RELIQUIDACION DE PENSION DE VEJEZ-Requisitos para que sea viable como mecanismo transitorio \u00a0 CONFLICTO DE COMPETENCIAS ADMINISTRATIVAS\/ACCION DE TUTELA-Improcedencia para establecer qu\u00e9 entidad es la competente para reactivar y reliquidar la pensi\u00f3n\u00a0 \u00a0 Referencia:\u00a0 \u00a0 Expedientes acumulados T-2.904.344, T- 2.954.018 \u00a0 Demandantes: \u00a0 Jorge An\u00edbal Visbal Martelo\u00a0 ...<br \/><div class=\"pt-cv-rmwrap\"><a href=\"https:\/\/www.dmsjuridica.com\/buscador_20179478954\/corteconstitucionalcronologico202454587\/t-443-12\/\" class=\"_self pt-cv-readmore btn btn-success\" target=\"_self\">Ver Sentencia Completa...<\/a><\/div><\/div><\/div><\/div>\n<div class=\"col-md-12 col-sm-12 col-xs-12 pt-cv-content-item pt-cv-1-col\" ><div class='pt-cv-ifield'><a href=\"https:\/\/www.dmsjuridica.com\/buscador_20179478954\/corteconstitucionalcronologico202454587\/t-442-12\/\" class=\"_self pt-cv-href-thumbnail pt-cv-thumb-default\" target=\"_self\" ><\/a>\n<div class=\"pt-cv-taxoterm above_title\"><a href='https:\/\/www.dmsjuridica.com\/buscador_20179478954\/corteconstitucionalcronologico202454587\/category\/buscar-en-toda-la-corte\/2012\/tutelas-2012\/' title='Tutelas 2012' class='pt-cv-tax-tutelas-2012'>Tutelas 2012<\/a><\/div>\n<h4 class=\"pt-cv-title\"><a href=\"https:\/\/www.dmsjuridica.com\/buscador_20179478954\/corteconstitucionalcronologico202454587\/t-442-12\/\" class=\"_self\" target=\"_self\" >T-442-12<\/a><\/h4>\n<div class=\"pt-cv-content\">\u00a0 \u00a0 Sentencia T-442\/12 \u00a0 DESPLAZADOS POR LA VIOLENCIA-Sujetos de especial protecci\u00f3n constitucional\u00a0 \u00a0 DESPLAZADO INTERNO-Alcance del Concepto \u00a0 ACCION DE TUTELA PARA LA PROTECCION DE LOS DERECHOS FUNDAMENTALES DE LA POBLACION DESPLAZADA-Procedencia \u00a0 PRINCIPIO DE SUBSIDIARIEDAD E INMEDIATEZ EN LA ACCION DE TUTELA-Requisitos de procedibilidad\u00a0 \u00a0 DERECHO AL DEBIDO PROCESO ADMINISTRATIVO-Fundamental \u00a0 DERECHO FUNDAMENTAL A LA VIVIENDA DIGNA DE POBLACION DESPLAZADA-Asignaci\u00f3n de subsidios\u00a0 \u00a0 DERECHO FUNDAMENTAL A LA VIVIENDA DIGNA DE POBLACION DESPLAZADA-Reiteraci\u00f3n de jurisprudencia \u00a0 Referencia: expediente T-3405841 \u00a0 Acci\u00f3n de tutela instaurada por Luis Alfonso C\u00e1ceres contra el Fondo Nacional de Vivienda (en adelante Fonvivienda) y el ...<br \/><div class=\"pt-cv-rmwrap\"><a href=\"https:\/\/www.dmsjuridica.com\/buscador_20179478954\/corteconstitucionalcronologico202454587\/t-442-12\/\" class=\"_self pt-cv-readmore btn btn-success\" target=\"_self\">Ver Sentencia Completa...<\/a><\/div><\/div><\/div><\/div>\n<div class=\"col-md-12 col-sm-12 col-xs-12 pt-cv-content-item pt-cv-1-col\" ><div class='pt-cv-ifield'><a href=\"https:\/\/www.dmsjuridica.com\/buscador_20179478954\/corteconstitucionalcronologico202454587\/t-441-12\/\" class=\"_self pt-cv-href-thumbnail pt-cv-thumb-default\" target=\"_self\" ><\/a>\n<div class=\"pt-cv-taxoterm above_title\"><a href='https:\/\/www.dmsjuridica.com\/buscador_20179478954\/corteconstitucionalcronologico202454587\/category\/buscar-en-toda-la-corte\/2012\/tutelas-2012\/' title='Tutelas 2012' class='pt-cv-tax-tutelas-2012'>Tutelas 2012<\/a><\/div>\n<h4 class=\"pt-cv-title\"><a href=\"https:\/\/www.dmsjuridica.com\/buscador_20179478954\/corteconstitucionalcronologico202454587\/t-441-12\/\" class=\"_self\" target=\"_self\" >T-441-12<\/a><\/h4>\n<div class=\"pt-cv-content\">\u00a0 \u00a0 Sentencia T-441\/12 \u00a0 ACCION DE TUTELA EN MATERIA DE DESPLAZAMIENTO FORZADO-Procedibilidad\u00a0 \u00a0 DESPLAZADO INTERNO-Alcance del concepto \u00a0 INSCRIPCION EN EL REGISTRO UNICO DE POBLACION DESPLAZADA-Marco normativo para la inscripci\u00f3n y pautas jurisprudenciales que determinan su aplicaci\u00f3n \u00a0 INSCRIPCION EN EL REGISTRO UNICO DE POBLACION DESPLAZADA-Encuesta del SISBEN no es prueba definitiva para negar la inscripci\u00f3n en el RUPD \u00a0 La Sala concluye que, en cuanto a la inscripci\u00f3n en el RUPD, las declaraciones sobre los hechos constitutivos de desplazamientos se basan en el principio de la buena fe de quien declara, siendo tarea de Acci\u00f3n Social desvirtuar las ...<br \/><div class=\"pt-cv-rmwrap\"><a href=\"https:\/\/www.dmsjuridica.com\/buscador_20179478954\/corteconstitucionalcronologico202454587\/t-441-12\/\" class=\"_self pt-cv-readmore btn btn-success\" target=\"_self\">Ver Sentencia Completa...<\/a><\/div><\/div><\/div><\/div>\n<div class=\"col-md-12 col-sm-12 col-xs-12 pt-cv-content-item pt-cv-1-col\" ><div class='pt-cv-ifield'><a href=\"https:\/\/www.dmsjuridica.com\/buscador_20179478954\/corteconstitucionalcronologico202454587\/t-440-12\/\" class=\"_self pt-cv-href-thumbnail pt-cv-thumb-default\" target=\"_self\" ><\/a>\n<div class=\"pt-cv-taxoterm above_title\"><a href='https:\/\/www.dmsjuridica.com\/buscador_20179478954\/corteconstitucionalcronologico202454587\/category\/buscar-en-toda-la-corte\/2012\/tutelas-2012\/' title='Tutelas 2012' class='pt-cv-tax-tutelas-2012'>Tutelas 2012<\/a><\/div>\n<h4 class=\"pt-cv-title\"><a href=\"https:\/\/www.dmsjuridica.com\/buscador_20179478954\/corteconstitucionalcronologico202454587\/t-440-12\/\" class=\"_self\" target=\"_self\" >T-440-12<\/a><\/h4>\n<div class=\"pt-cv-content\">\u00a0 \u00a0 Sentencia T-440\/12 \u00a0 DERECHO A LA SALUD COMO DERECHO FUNDAMENTAL-Reiteraci\u00f3n de jurisprudencia \u00a0 CUBRIMIENTO DE GASTOS DE TRANSPORTE PARA PACIENTE Y ACOMPA\u00d1ANTE POR EPS-Reglas jurisprudenciales\u00a0 \u00a0 REGLAS JURISPRUDENCIALES SOBRE PROCEDENCIA DE ACCION DE TUTELA PARA OBTENER PRESTACIONES EXCLUIDAS DEL POS-Reiteraci\u00f3n de jurisprudencia \u00a0 ACCESO A MEDICAMENTOS EXCLUIDOS POR EL CONSEJO SUPERIOR DE SALUD DE LAS FUERZAS MILITARES Y POLICIA NACIONAL-Requisitos jurisprudenciales\u00a0 \u00a0 Referencia: expediente T- PL, 3358155 \u00a0 Acci\u00f3n de tutela instaurada por el se\u00f1or Edinson Fang D\u00edaz, contra la Direcci\u00f3n General de Sanidad Militar, Hospital Naval de Cartagena. \u00a0 Procedencia: Tribunal Superior del Distrito Judicial de Cartagena, ...<br \/><div class=\"pt-cv-rmwrap\"><a href=\"https:\/\/www.dmsjuridica.com\/buscador_20179478954\/corteconstitucionalcronologico202454587\/t-440-12\/\" class=\"_self pt-cv-readmore btn btn-success\" target=\"_self\">Ver Sentencia Completa...<\/a><\/div><\/div><\/div><\/div>\n<div class=\"col-md-12 col-sm-12 col-xs-12 pt-cv-content-item pt-cv-1-col\" ><div class='pt-cv-ifield'><a href=\"https:\/\/www.dmsjuridica.com\/buscador_20179478954\/corteconstitucionalcronologico202454587\/t-439-12\/\" class=\"_self pt-cv-href-thumbnail pt-cv-thumb-default\" target=\"_self\" ><\/a>\n<div class=\"pt-cv-taxoterm above_title\"><a href='https:\/\/www.dmsjuridica.com\/buscador_20179478954\/corteconstitucionalcronologico202454587\/category\/buscar-en-toda-la-corte\/2012\/tutelas-2012\/' title='Tutelas 2012' class='pt-cv-tax-tutelas-2012'>Tutelas 2012<\/a><\/div>\n<h4 class=\"pt-cv-title\"><a href=\"https:\/\/www.dmsjuridica.com\/buscador_20179478954\/corteconstitucionalcronologico202454587\/t-439-12\/\" class=\"_self\" target=\"_self\" >T-439-12<\/a><\/h4>\n<div class=\"pt-cv-content\">\u00a0 \u00a0 Sentencia T-439\/12 \u00a0 PENSION DE SOBREVIVIENTES-Edad como criterio de diferenciaci\u00f3n v\u00e1lido\u00a0 \u00a0 ACCION DE TUTELA-Procedencia ante la ineficacia de otros medios de defensa judicial \u00a0 ACCION DE TUTELA PARA RECONOCIMIENTO DE SUSTITUCION PENSIONAL-Reiteraci\u00f3n de jurisprudencia sobre procedencia excepcional\u00a0 \u00a0 Como las controversias en materia de sustituciones pensionales tienen una v\u00eda espec\u00edfica de defensa, s\u00f3lo excepcionalmente pueden solucionarse acudiendo a la jurisdicci\u00f3n tutelar, sea para evitar un perjuicio irremediable que afecte derechos fundamentales, o cuando los procedimientos comunes previstos para el caso concreto hagan ineficaz el goce del derecho invocado. \u00a0 PENSION DE SOBREVIVIENTES-Jurisprudencia constitucional\/PENSION DE SOBREVIVIENTES-Naturaleza jur\u00eddica \u00a0 ...<br \/><div class=\"pt-cv-rmwrap\"><a href=\"https:\/\/www.dmsjuridica.com\/buscador_20179478954\/corteconstitucionalcronologico202454587\/t-439-12\/\" class=\"_self pt-cv-readmore btn btn-success\" target=\"_self\">Ver Sentencia Completa...<\/a><\/div><\/div><\/div><\/div>\n<div class=\"col-md-12 col-sm-12 col-xs-12 pt-cv-content-item pt-cv-1-col\" ><div class='pt-cv-ifield'><a href=\"https:\/\/www.dmsjuridica.com\/buscador_20179478954\/corteconstitucionalcronologico202454587\/t-438-12\/\" class=\"_self pt-cv-href-thumbnail pt-cv-thumb-default\" target=\"_self\" ><\/a>\n<div class=\"pt-cv-taxoterm above_title\"><a href='https:\/\/www.dmsjuridica.com\/buscador_20179478954\/corteconstitucionalcronologico202454587\/category\/buscar-en-toda-la-corte\/2012\/tutelas-2012\/' title='Tutelas 2012' class='pt-cv-tax-tutelas-2012'>Tutelas 2012<\/a><\/div>\n<h4 class=\"pt-cv-title\"><a href=\"https:\/\/www.dmsjuridica.com\/buscador_20179478954\/corteconstitucionalcronologico202454587\/t-438-12\/\" class=\"_self\" target=\"_self\" >T-438-12<\/a><\/h4>\n<div class=\"pt-cv-content\">\u00a0 \u00a0 Sentencia T-438\/12 \u00a0 ACCION DE TUTELA-Procedencia excepcional para reconocimiento de pensi\u00f3n de vejez \u00a0 PENSION DE VEJEZ-Requisitos \u00a0 DERECHO A LA SEGURIDAD SOCIAL-Definici\u00f3n\/DERECHO A LA SEGURIDAD SOCIAL-Fundamental \u00a0 SISTEMA DE SEGURIDAD SOCIAL DE TRABAJADOR INDEPENDIENTE-Diferencias con el Sistema de Seguridad de Trabajador Dependiente\u00a0 \u00a0 \u00a0 \u00a0 Referencia: expediente T-3.366.765 \u00a0 Acci\u00f3n de tutela instaurada por Javier Alonso Gaviria Gaviria contra el Instituto de Seguros Sociales- Seccional Antioquia \u00a0 Magistrada Ponente: \u00a0 ADRIANA MARIA GUILL\u00c9N ARANGO \u00a0 Bogot\u00e1, D.C., doce (12) de junio de dos mil doce (2012) \u00a0 La Sala Tercera de Revisi\u00f3n de la Corte Constitucional, integrada ...<br \/><div class=\"pt-cv-rmwrap\"><a href=\"https:\/\/www.dmsjuridica.com\/buscador_20179478954\/corteconstitucionalcronologico202454587\/t-438-12\/\" class=\"_self pt-cv-readmore btn btn-success\" target=\"_self\">Ver Sentencia Completa...<\/a><\/div><\/div><\/div><\/div>\n<div class=\"col-md-12 col-sm-12 col-xs-12 pt-cv-content-item pt-cv-1-col\" ><div class='pt-cv-ifield'><a href=\"https:\/\/www.dmsjuridica.com\/buscador_20179478954\/corteconstitucionalcronologico202454587\/t-437-12\/\" class=\"_self pt-cv-href-thumbnail pt-cv-thumb-default\" target=\"_self\" ><\/a>\n<div class=\"pt-cv-taxoterm above_title\"><a href='https:\/\/www.dmsjuridica.com\/buscador_20179478954\/corteconstitucionalcronologico202454587\/category\/buscar-en-toda-la-corte\/2012\/tutelas-2012\/' title='Tutelas 2012' class='pt-cv-tax-tutelas-2012'>Tutelas 2012<\/a><\/div>\n<h4 class=\"pt-cv-title\"><a href=\"https:\/\/www.dmsjuridica.com\/buscador_20179478954\/corteconstitucionalcronologico202454587\/t-437-12\/\" class=\"_self\" target=\"_self\" >T-437-12<\/a><\/h4>\n<div class=\"pt-cv-content\">\u00a0 \u00a0 Sentencia T-437\/12 \u00a0 ACCION DE TUTELA-Procedencia ante la ineficacia de otros medios de defensa judicial \u00a0 PERJUICIO IRREMEDIABLE-Caracter\u00edsticas \u00a0 RESTITUCION DE ESPACIO PUBLICO-Reiteraci\u00f3n de jurisprudencia\/ESPACIO PUBLICO-Concepto\/ESPACIO PUBLICO-Medidas para su preservaci\u00f3n no deben ser desproporcionadas frente a la afectaci\u00f3n de los intereses de terceros \u00a0 PRINCIPIO DE CONFIANZA LEGITIMA Y PRINCIPIO DE BUENA FE-Reiteraci\u00f3n de jurisprudencia\/PRINCIPIO DE BUENA FE-Concepto\/PRINCIPIO DE CONFIANZA LEGITIMA-Concepto\u00a0 \u00a0 RAZONABILIDAD DE LOS PLANES DE REUBICACION-Reiteraci\u00f3n de jurisprudencia\/DESALOJO-Procedimiento policivo \u00a0 PRINCIPIO DE CONFIANZA LEGITIMA-Presupuestos que deben acreditarse \u00a0 PRINCIPIO DE CONFIANZA LEGITIMA-Ocupantes del espacio p\u00fablico \u00a0 RESTITUCION DE ESPACIO PUBLICO-Requisitos para la legitimidad \u00a0 VIVIENDA DIGNA-Jurisprudencia ...<br \/><div class=\"pt-cv-rmwrap\"><a href=\"https:\/\/www.dmsjuridica.com\/buscador_20179478954\/corteconstitucionalcronologico202454587\/t-437-12\/\" class=\"_self pt-cv-readmore btn btn-success\" target=\"_self\">Ver Sentencia Completa...<\/a><\/div><\/div><\/div><\/div>\n<div class=\"col-md-12 col-sm-12 col-xs-12 pt-cv-content-item pt-cv-1-col\" ><div class='pt-cv-ifield'><a href=\"https:\/\/www.dmsjuridica.com\/buscador_20179478954\/corteconstitucionalcronologico202454587\/t-436-12\/\" class=\"_self pt-cv-href-thumbnail pt-cv-thumb-default\" target=\"_self\" ><\/a>\n<div class=\"pt-cv-taxoterm above_title\"><a href='https:\/\/www.dmsjuridica.com\/buscador_20179478954\/corteconstitucionalcronologico202454587\/category\/buscar-en-toda-la-corte\/2012\/tutelas-2012\/' title='Tutelas 2012' class='pt-cv-tax-tutelas-2012'>Tutelas 2012<\/a><\/div>\n<h4 class=\"pt-cv-title\"><a href=\"https:\/\/www.dmsjuridica.com\/buscador_20179478954\/corteconstitucionalcronologico202454587\/t-436-12\/\" class=\"_self\" target=\"_self\" >T-436-12<\/a><\/h4>\n<div class=\"pt-cv-content\">\u00a0 \u00a0 Sentencia T-436\/12 \u00a0 PRINCIPIO DE SUBSIDIARIEDAD E INMEDIATEZ EN LA ACCION DE TUTELA-Requisitos de procedibilidad\u00a0 \u00a0 La subsidiariedad, encuentra sustento en el inciso tercero del art\u00edculo 86 y el numeral primero del art\u00edculo 6 del Decreto 2591 de 1991, seg\u00fan los cuales, la acci\u00f3n de tutela \u201cs\u00f3lo proceder\u00e1 cuando el afectado no disponga de otro medio de defensa judicial, salvo que aqu\u00e9lla se utilice como mecanismo transitorio para evitar un perjuicio irremediable.\u201d Respecto del requisito de inmediatez, de creaci\u00f3n jurisprudencial, la Corte ha indicado que este busca asegurar que la tutela se utilice como una reacci\u00f3n judicial eficaz ...<br \/><div class=\"pt-cv-rmwrap\"><a href=\"https:\/\/www.dmsjuridica.com\/buscador_20179478954\/corteconstitucionalcronologico202454587\/t-436-12\/\" class=\"_self pt-cv-readmore btn btn-success\" target=\"_self\">Ver Sentencia Completa...<\/a><\/div><\/div><\/div><\/div>\n<div class=\"col-md-12 col-sm-12 col-xs-12 pt-cv-content-item pt-cv-1-col\" ><div class='pt-cv-ifield'><a href=\"https:\/\/www.dmsjuridica.com\/buscador_20179478954\/corteconstitucionalcronologico202454587\/t-435-12\/\" class=\"_self pt-cv-href-thumbnail pt-cv-thumb-default\" target=\"_self\" ><\/a>\n<div class=\"pt-cv-taxoterm above_title\"><a href='https:\/\/www.dmsjuridica.com\/buscador_20179478954\/corteconstitucionalcronologico202454587\/category\/buscar-en-toda-la-corte\/2012\/tutelas-2012\/' title='Tutelas 2012' class='pt-cv-tax-tutelas-2012'>Tutelas 2012<\/a><\/div>\n<h4 class=\"pt-cv-title\"><a href=\"https:\/\/www.dmsjuridica.com\/buscador_20179478954\/corteconstitucionalcronologico202454587\/t-435-12\/\" class=\"_self\" target=\"_self\" >T-435-12<\/a><\/h4>\n<div class=\"pt-cv-content\">\u00a0 \u00a0 Sentencia T-435\/12 \u00a0 ACCION DE TUTELA CONTRA PROVIDENCIAS JUDICIALES-Reiteraci\u00f3n de jurisprudencia sobre procedencia excepcional\/ACCION DE TUTELA CONTRA PROVIDENCIAS JUDICIALES-Requisitos \u00a0 PENSION DE JUBILACION-Contenido y alcance normativo \u00a0 CONVENCION COLECTIVA DE TRABAJO-Fuente de derechos adquiridos durante el tiempo que conserva su vigencia\u00a0 \u00a0 PROTECCION DE EXPECTATIVAS LEGITIMAS-Si bien no constituyen derechos adquiridos en lo que respecta a derechos pensionales, son susceptibles de amparo a trav\u00e9s de acci\u00f3n de tutela \u00a0 REGIMEN DE TRANSICION-Jurisprudencia constitucional\u00a0 \u00a0 Referencia: expediente T-3.323.909 \u00a0 Acci\u00f3n de tutela instaurada por Mar\u00eda Beatriz Ocampo Guti\u00e9rrez contra la Sala Laboral del Tribunal Superior del Distrito Judicial de ...<br \/><div class=\"pt-cv-rmwrap\"><a href=\"https:\/\/www.dmsjuridica.com\/buscador_20179478954\/corteconstitucionalcronologico202454587\/t-435-12\/\" class=\"_self pt-cv-readmore btn btn-success\" target=\"_self\">Ver Sentencia Completa...<\/a><\/div><\/div><\/div><\/div>\n<div class=\"col-md-12 col-sm-12 col-xs-12 pt-cv-content-item pt-cv-1-col\" ><div class='pt-cv-ifield'><a href=\"https:\/\/www.dmsjuridica.com\/buscador_20179478954\/corteconstitucionalcronologico202454587\/t-434-12\/\" class=\"_self pt-cv-href-thumbnail pt-cv-thumb-default\" target=\"_self\" ><\/a>\n<div class=\"pt-cv-taxoterm above_title\"><a href='https:\/\/www.dmsjuridica.com\/buscador_20179478954\/corteconstitucionalcronologico202454587\/category\/buscar-en-toda-la-corte\/2012\/tutelas-2012\/' title='Tutelas 2012' class='pt-cv-tax-tutelas-2012'>Tutelas 2012<\/a><\/div>\n<h4 class=\"pt-cv-title\"><a href=\"https:\/\/www.dmsjuridica.com\/buscador_20179478954\/corteconstitucionalcronologico202454587\/t-434-12\/\" class=\"_self\" target=\"_self\" >T-434-12<\/a><\/h4>\n<div class=\"pt-cv-content\">\u00a0 \u00a0 \u00a0 Sentencia T-434\/12 \u00a0 SEGURIDAD SOCIAL COMO DERECHO CONSTITUCIONAL FUNDAMENTAL-Protecci\u00f3n por medio de la acci\u00f3n de tutela \u00a0 PENSION DE INVALIDEZ-Fundamento y alcance \u00a0 ACCION DE TUTELA PARA RECLAMAR EL RECONOCIMIENTO Y PAGO DE DERECHOS PENSIONALES-Procedencia excepcional \u00a0 DERECHOS CONSTITUCIONALES SON FUNDAMENTALES \u00a0 PENSION DE INVALIDEZ-Reiteraci\u00f3n de jurisprudencia\/PENSION DE INVALIDEZ-Requisitos\/DERECHO A LA PENSION DE INVALIDEZ COMO PARTE DE LA SEGURIDAD SOCIAL-Tratamiento constitucional y legal \u00a0 PENSION DE INVALIDEZ-Reglas establecidas por la Corte Constitucional para determinar la fecha de estructuraci\u00f3n de la invalidez en los casos de enfermedad degenerativa, cr\u00f3nica o cong\u00e9nita \u00a0 REQUISITO DE FIDELIDAD PARA PENSION DE ...<br \/><div class=\"pt-cv-rmwrap\"><a href=\"https:\/\/www.dmsjuridica.com\/buscador_20179478954\/corteconstitucionalcronologico202454587\/t-434-12\/\" class=\"_self pt-cv-readmore btn btn-success\" target=\"_self\">Ver Sentencia Completa...<\/a><\/div><\/div><\/div><\/div>\n<div class=\"col-md-12 col-sm-12 col-xs-12 pt-cv-content-item pt-cv-1-col\" ><div class='pt-cv-ifield'><a href=\"https:\/\/www.dmsjuridica.com\/buscador_20179478954\/corteconstitucionalcronologico202454587\/t-433-12\/\" class=\"_self pt-cv-href-thumbnail pt-cv-thumb-default\" target=\"_self\" ><\/a>\n<div class=\"pt-cv-taxoterm above_title\"><a href='https:\/\/www.dmsjuridica.com\/buscador_20179478954\/corteconstitucionalcronologico202454587\/category\/buscar-en-toda-la-corte\/2012\/tutelas-2012\/' title='Tutelas 2012' class='pt-cv-tax-tutelas-2012'>Tutelas 2012<\/a><\/div>\n<h4 class=\"pt-cv-title\"><a href=\"https:\/\/www.dmsjuridica.com\/buscador_20179478954\/corteconstitucionalcronologico202454587\/t-433-12\/\" class=\"_self\" target=\"_self\" >T-433-12<\/a><\/h4>\n<div class=\"pt-cv-content\">\u00a0 \u00a0 Sentencia T-433\/12 \u00a0 DERECHO A LA SALUD COMO DERECHO FUNDAMENTAL AUTONOMO-Reiteraci\u00f3n de jurisprudencia \u00a0 FONDO NACIONAL DE PRESTACIONES SOCIALES DEL MAGISTERIO-Naturaleza jur\u00eddica\/FONDO NACIONAL DE PRESTACIONES SOCIALES DEL MAGISTERIO-R\u00e9gimen de beneficiarios de servicios de salud \u00a0 SERVICIO DE JUDICATURA COMO REQUISITO DE GRADO EN DERECHO-Fundamento constitucional \u00a0 El servicio de judicatura se presenta como la pr\u00e1ctica a trav\u00e9s de la cual se les permite a los estudiantes de derecho que culminaron efectivamente el plan de estudio ofrecido por la universidad, adquirir mayores conocimientos y experiencia, desarrollando actividades que dan la posibilidad de integrar la teor\u00eda del derecho a la ...<br \/><div class=\"pt-cv-rmwrap\"><a href=\"https:\/\/www.dmsjuridica.com\/buscador_20179478954\/corteconstitucionalcronologico202454587\/t-433-12\/\" class=\"_self pt-cv-readmore btn btn-success\" target=\"_self\">Ver Sentencia Completa...<\/a><\/div><\/div><\/div><\/div>\n<div class=\"col-md-12 col-sm-12 col-xs-12 pt-cv-content-item pt-cv-1-col\" ><div class='pt-cv-ifield'><a href=\"https:\/\/www.dmsjuridica.com\/buscador_20179478954\/corteconstitucionalcronologico202454587\/t-431-12\/\" class=\"_self pt-cv-href-thumbnail pt-cv-thumb-default\" target=\"_self\" ><\/a>\n<div class=\"pt-cv-taxoterm above_title\"><a href='https:\/\/www.dmsjuridica.com\/buscador_20179478954\/corteconstitucionalcronologico202454587\/category\/buscar-en-toda-la-corte\/2012\/tutelas-2012\/' title='Tutelas 2012' class='pt-cv-tax-tutelas-2012'>Tutelas 2012<\/a><\/div>\n<h4 class=\"pt-cv-title\"><a href=\"https:\/\/www.dmsjuridica.com\/buscador_20179478954\/corteconstitucionalcronologico202454587\/t-431-12\/\" class=\"_self\" target=\"_self\" >T-431-12<\/a><\/h4>\n<div class=\"pt-cv-content\">\u00a0 \u00a0 \u00a0\u00a0 Sentencia T-431\/12 \u00a0 AGENCIA OFICIOSA EN TUTELA-Requisitos \u00a0 Cuando la acci\u00f3n de tutela es interpuesta por intermedio de agente oficioso, la jurisprudencia constitucional ha se\u00f1alado los siguientes elementos normativos: (i) el agente oficioso debe manifestar que est\u00e1 actuando como tal; (ii) del escrito de tutela se debe poder inferir que el titular del derecho est\u00e1 imposibilitado para ejercer la acci\u00f3n de tutela, ya sea por circunstancias f\u00edsicas o mentales; (iii) la informalidad de la agencia, pues esta no implica que deba existir una relaci\u00f3n formal entre el agente y los agenciados; (iv) la ratificaci\u00f3n de lo actuado ...<br \/><div class=\"pt-cv-rmwrap\"><a href=\"https:\/\/www.dmsjuridica.com\/buscador_20179478954\/corteconstitucionalcronologico202454587\/t-431-12\/\" class=\"_self pt-cv-readmore btn btn-success\" target=\"_self\">Ver Sentencia Completa...<\/a><\/div><\/div><\/div><\/div>\n<div class=\"col-md-12 col-sm-12 col-xs-12 pt-cv-content-item pt-cv-1-col\" ><div class='pt-cv-ifield'><a href=\"https:\/\/www.dmsjuridica.com\/buscador_20179478954\/corteconstitucionalcronologico202454587\/t-430-12\/\" class=\"_self pt-cv-href-thumbnail pt-cv-thumb-default\" target=\"_self\" ><\/a>\n<div class=\"pt-cv-taxoterm above_title\"><a href='https:\/\/www.dmsjuridica.com\/buscador_20179478954\/corteconstitucionalcronologico202454587\/category\/buscar-en-toda-la-corte\/2012\/tutelas-2012\/' title='Tutelas 2012' class='pt-cv-tax-tutelas-2012'>Tutelas 2012<\/a><\/div>\n<h4 class=\"pt-cv-title\"><a href=\"https:\/\/www.dmsjuridica.com\/buscador_20179478954\/corteconstitucionalcronologico202454587\/t-430-12\/\" class=\"_self\" target=\"_self\" >T-430-12<\/a><\/h4>\n<div class=\"pt-cv-content\">\u00a0 \u00a0 Sentencia T-430\/12 \u00a0 (Bogot\u00e1, DC, 8 junio) \u00a0 ACCION DE TUTELA CONTRA PROVIDENCIAS JUDICIALES-Requisitos formales\/ACCION DE TUTELA CONTRA PROVIDENCIAS JUDICIALES-Causales gen\u00e9ricas de procedibilidad \u00a0 INCENTIVO ECONOMICO EN ACCION POPULAR-Caso en que fue revocado por el Tribunal Administrativo\/INCENTIVO ECONOMICO EN ACCION POPULAR-Ausencia de relevancia constitucional por tratarse de un asunto de mera interpretaci\u00f3n legal\/INTERPRETACION DADA A LEY 1425\/10 QUE DEROG\u00d3 LOS ARTS 39 Y 40 DE LA LEY 472\/98 \u00a0 La Secci\u00f3n Tercera del Consejo de Estado, \u00a0fij\u00f3 una regla sobre el particular, al indicar que el incentivo al actor popular deb\u00eda negarse pues los art\u00edculos 39 y 40 ...<br \/><div class=\"pt-cv-rmwrap\"><a href=\"https:\/\/www.dmsjuridica.com\/buscador_20179478954\/corteconstitucionalcronologico202454587\/t-430-12\/\" class=\"_self pt-cv-readmore btn btn-success\" target=\"_self\">Ver Sentencia Completa...<\/a><\/div><\/div><\/div><\/div>\n<div class=\"col-md-12 col-sm-12 col-xs-12 pt-cv-content-item pt-cv-1-col\" ><div class='pt-cv-ifield'><a href=\"https:\/\/www.dmsjuridica.com\/buscador_20179478954\/corteconstitucionalcronologico202454587\/t-429-12\/\" class=\"_self pt-cv-href-thumbnail pt-cv-thumb-default\" target=\"_self\" ><\/a>\n<div class=\"pt-cv-taxoterm above_title\"><a href='https:\/\/www.dmsjuridica.com\/buscador_20179478954\/corteconstitucionalcronologico202454587\/category\/buscar-en-toda-la-corte\/2012\/tutelas-2012\/' title='Tutelas 2012' class='pt-cv-tax-tutelas-2012'>Tutelas 2012<\/a><\/div>\n<h4 class=\"pt-cv-title\"><a href=\"https:\/\/www.dmsjuridica.com\/buscador_20179478954\/corteconstitucionalcronologico202454587\/t-429-12\/\" class=\"_self\" target=\"_self\" >T-429-12<\/a><\/h4>\n<div class=\"pt-cv-content\">\u00a0 \u00a0 Sentencia T-429\/12 \u00a0 FACTOR TERRITORIAL EN ACCION DE TUTELA-Posibilidades para determinar la competencia \u00a0 ACCION DE TUTELA CONTRA PROVIDENCIAS JUDICIALES-Improcedencia general \u00a0 CARENCIA ACTUAL DE OBJETO POR HECHO SUPERADO-Accionantes acudieron a la v\u00eda ordinaria para reliquidaci\u00f3n pensional \u00a0 Referencia expedientes T-3317993, T-3326016 y T-3331267, acumulados. \u00a0 Acciones de tutela interpuestas por la Caja Nacional de Previsi\u00f3n Social, Cajanal, EICE, en Liquidaci\u00f3n, contra el Juzgado Tercero Administrativo del Circuito de Bogot\u00e1 (T-3317993), el Juzgado Penal del Circuito de L\u00e9rida, Tolima (T-3326016), y el Tribunal Administrativo de Cundinamarca y otro (T-3331267). \u00a0 Procedencia: Secci\u00f3n Segunda del Tribunal Administrativo de Cundinamarca; ...<br \/><div class=\"pt-cv-rmwrap\"><a href=\"https:\/\/www.dmsjuridica.com\/buscador_20179478954\/corteconstitucionalcronologico202454587\/t-429-12\/\" class=\"_self pt-cv-readmore btn btn-success\" target=\"_self\">Ver Sentencia Completa...<\/a><\/div><\/div><\/div><\/div>\n<div class=\"col-md-12 col-sm-12 col-xs-12 pt-cv-content-item pt-cv-1-col\" ><div class='pt-cv-ifield'><a href=\"https:\/\/www.dmsjuridica.com\/buscador_20179478954\/corteconstitucionalcronologico202454587\/t-428-12\/\" class=\"_self pt-cv-href-thumbnail pt-cv-thumb-default\" target=\"_self\" ><\/a>\n<div class=\"pt-cv-taxoterm above_title\"><a href='https:\/\/www.dmsjuridica.com\/buscador_20179478954\/corteconstitucionalcronologico202454587\/category\/buscar-en-toda-la-corte\/2012\/tutelas-2012\/' title='Tutelas 2012' class='pt-cv-tax-tutelas-2012'>Tutelas 2012<\/a><\/div>\n<h4 class=\"pt-cv-title\"><a href=\"https:\/\/www.dmsjuridica.com\/buscador_20179478954\/corteconstitucionalcronologico202454587\/t-428-12\/\" class=\"_self\" target=\"_self\" >T-428-12<\/a><\/h4>\n<div class=\"pt-cv-content\">\u00a0 \u00a0 Sentencia T-428\/12 \u00a0 JUSTICIABILIDAD DE LOS DERECHOS FUNDAMENTALES Y SU EXIGIBILIDAD EN LA JURISPRUDENCIA CONSTITUCIONAL-Alcance \u00a0 DERECHOS SOCIALES, ECONOMICOS Y CULTURALES-Conexidad con derechos fundamentales \u00a0 En virtud de sus caracter\u00edsticas estructurales y particularmente de su car\u00e1cter negativo, s\u00f3lo los derechos fundamentales eran -desde esa \u00f3ptica- de aplicaci\u00f3n inmediata y, por lo tanto, exigibles mediante la acci\u00f3n de tutela. Los derechos sociales, a su turno, ten\u00edan la naturaleza de orientaciones program\u00e1ticas dirigidas al legislador (o la administraci\u00f3n en lo pertinente) y resultaban por ello ajenos al control judicial por v\u00eda amparo \u00a0 \u00a0 \u00a0 \u00a0 DERECHOS FUNDAMENTALES-Criterio de identificaci\u00f3n\u00a0 ...<br \/><div class=\"pt-cv-rmwrap\"><a href=\"https:\/\/www.dmsjuridica.com\/buscador_20179478954\/corteconstitucionalcronologico202454587\/t-428-12\/\" class=\"_self pt-cv-readmore btn btn-success\" target=\"_self\">Ver Sentencia Completa...<\/a><\/div><\/div><\/div><\/div>\n<div class=\"col-md-12 col-sm-12 col-xs-12 pt-cv-content-item pt-cv-1-col\" ><div class='pt-cv-ifield'><a href=\"https:\/\/www.dmsjuridica.com\/buscador_20179478954\/corteconstitucionalcronologico202454587\/t-427-12\/\" class=\"_self pt-cv-href-thumbnail pt-cv-thumb-default\" target=\"_self\" ><\/a>\n<div class=\"pt-cv-taxoterm above_title\"><a href='https:\/\/www.dmsjuridica.com\/buscador_20179478954\/corteconstitucionalcronologico202454587\/category\/buscar-en-toda-la-corte\/2012\/tutelas-2012\/' title='Tutelas 2012' class='pt-cv-tax-tutelas-2012'>Tutelas 2012<\/a><\/div>\n<h4 class=\"pt-cv-title\"><a href=\"https:\/\/www.dmsjuridica.com\/buscador_20179478954\/corteconstitucionalcronologico202454587\/t-427-12\/\" class=\"_self\" target=\"_self\" >T-427-12<\/a><\/h4>\n<div class=\"pt-cv-content\">\u00a0 \u00a0 Sentencia T-427\/12\u00a0 \u00a0 LEGITIMACION POR ACTIVA EN TUTELA-Reiteraci\u00f3n de jurisprudencia cuando se interpone a nombre de persona discapacitada \u00a0 ACCION DE TUTELA PARA RECONOCIMIENTO DE PENSION DE INVALIDEZ-Procedencia excepcional por afectaci\u00f3n al m\u00ednimo vital y vida digna de sujetos de especial protecci\u00f3n \u00a0 La idoneidad y eficacia del medio judicial ordinario deber ser analizada en cada caso concreto y respecto de los derechos fundamentales cuya protecci\u00f3n se reclama. Esta afirmaci\u00f3n est\u00e1 respaldad en el art\u00edculo 6\u00aa del Decreto 2591 de 1991, en el que se establece que la existencia de otro medio de defensa judicial \u2018ser\u00e1 apreciada en ...<br \/><div class=\"pt-cv-rmwrap\"><a href=\"https:\/\/www.dmsjuridica.com\/buscador_20179478954\/corteconstitucionalcronologico202454587\/t-427-12\/\" class=\"_self pt-cv-readmore btn btn-success\" target=\"_self\">Ver Sentencia Completa...<\/a><\/div><\/div><\/div><\/div>\n<div class=\"col-md-12 col-sm-12 col-xs-12 pt-cv-content-item pt-cv-1-col\" ><div class='pt-cv-ifield'><a href=\"https:\/\/www.dmsjuridica.com\/buscador_20179478954\/corteconstitucionalcronologico202454587\/t-426-12\/\" class=\"_self pt-cv-href-thumbnail pt-cv-thumb-default\" target=\"_self\" ><\/a>\n<div class=\"pt-cv-taxoterm above_title\"><a href='https:\/\/www.dmsjuridica.com\/buscador_20179478954\/corteconstitucionalcronologico202454587\/category\/buscar-en-toda-la-corte\/2012\/tutelas-2012\/' title='Tutelas 2012' class='pt-cv-tax-tutelas-2012'>Tutelas 2012<\/a><\/div>\n<h4 class=\"pt-cv-title\"><a href=\"https:\/\/www.dmsjuridica.com\/buscador_20179478954\/corteconstitucionalcronologico202454587\/t-426-12\/\" class=\"_self\" target=\"_self\" >T-426-12<\/a><\/h4>\n<div class=\"pt-cv-content\">\u00a0 \u00a0 Sentencia T-426\/12 \u00a0 ACCION DE TUTELA PARA SOLICITAR EL PAGO DE UNA CUOTA PARTE PENSIONAL-Su procedencia esta sujeta a la existencia de otro mecanismo de defensa judicial que resulte ser eficiente \u00a0 Para reclamar el pago de una cuota parte pensional hay otros medios de defensa judicial y seg\u00fan el art\u00edculo 86 Constitucional cuando existan otras acciones para elevar una pretensi\u00f3n la tutela es improcedente, a menos que se instaure para evitar la ocurrencia de un perjuicio irremediable (art. 86, C.P.) \u00a0 ACCION DE TUTELA-Pago de mesadas pensionales causadas y futuras por Fiduciaria la Previsora S.A. \u00a0 CONMUTACION ...<br \/><div class=\"pt-cv-rmwrap\"><a href=\"https:\/\/www.dmsjuridica.com\/buscador_20179478954\/corteconstitucionalcronologico202454587\/t-426-12\/\" class=\"_self pt-cv-readmore btn btn-success\" target=\"_self\">Ver Sentencia Completa...<\/a><\/div><\/div><\/div><\/div>\n<div class=\"col-md-12 col-sm-12 col-xs-12 pt-cv-content-item pt-cv-1-col\" ><div class='pt-cv-ifield'><a href=\"https:\/\/www.dmsjuridica.com\/buscador_20179478954\/corteconstitucionalcronologico202454587\/t-425-12\/\" class=\"_self pt-cv-href-thumbnail pt-cv-thumb-default\" target=\"_self\" ><\/a>\n<div class=\"pt-cv-taxoterm above_title\"><a href='https:\/\/www.dmsjuridica.com\/buscador_20179478954\/corteconstitucionalcronologico202454587\/category\/buscar-en-toda-la-corte\/2012\/tutelas-2012\/' title='Tutelas 2012' class='pt-cv-tax-tutelas-2012'>Tutelas 2012<\/a><\/div>\n<h4 class=\"pt-cv-title\"><a href=\"https:\/\/www.dmsjuridica.com\/buscador_20179478954\/corteconstitucionalcronologico202454587\/t-425-12\/\" class=\"_self\" target=\"_self\" >T-425-12<\/a><\/h4>\n<div class=\"pt-cv-content\">\u00a0 \u00a0 \u00a0 \u00a0 Sentencia T-425\/12 \u00a0 ACCION DE TUTELA-Carencia actual de objeto \u00a0 Bien desarrollada esta la noci\u00f3n de que la carencia actual de objeto consiste en un hecho jur\u00eddico configurado a partir de la ocurrencia del fen\u00f3meno del hecho superado o del da\u00f1o consumado. El primero de ellos obedece a los eventos en que la situaci\u00f3n que motiv\u00f3 la presentaci\u00f3n de la acci\u00f3n desapareci\u00f3 o ha sido superada, lo cual puede suceder, por ejemplo, cuando el accionado corrige su proceder, de manera tal que reorienta su conducta a respetar el contenido del derecho fundamental cuya vulneraci\u00f3n o amenaza ...<br \/><div class=\"pt-cv-rmwrap\"><a href=\"https:\/\/www.dmsjuridica.com\/buscador_20179478954\/corteconstitucionalcronologico202454587\/t-425-12\/\" class=\"_self pt-cv-readmore btn btn-success\" target=\"_self\">Ver Sentencia Completa...<\/a><\/div><\/div><\/div><\/div>\n<div class=\"col-md-12 col-sm-12 col-xs-12 pt-cv-content-item pt-cv-1-col\" ><div class='pt-cv-ifield'><a href=\"https:\/\/www.dmsjuridica.com\/buscador_20179478954\/corteconstitucionalcronologico202454587\/t-413-12\/\" class=\"_self pt-cv-href-thumbnail pt-cv-thumb-default\" target=\"_self\" ><\/a>\n<div class=\"pt-cv-taxoterm above_title\"><a href='https:\/\/www.dmsjuridica.com\/buscador_20179478954\/corteconstitucionalcronologico202454587\/category\/buscar-en-toda-la-corte\/2012\/tutelas-2012\/' title='Tutelas 2012' class='pt-cv-tax-tutelas-2012'>Tutelas 2012<\/a><\/div>\n<h4 class=\"pt-cv-title\"><a href=\"https:\/\/www.dmsjuridica.com\/buscador_20179478954\/corteconstitucionalcronologico202454587\/t-413-12\/\" class=\"_self\" target=\"_self\" >T-413-12<\/a><\/h4>\n<div class=\"pt-cv-content\">\u00a0 \u00a0 Sentencia T-413\/12 \u00a0 SISTEMA DE SEGURIDAD SOCIAL EN SALUD-Derecho de los usuarios a acceder a los servicios de salud que requieran, est\u00e9n o no incluidos en el POS\u00a0 \u00a0 DERECHO A LA SALUD-Vulneraci\u00f3n por EPS al exigir el cumplimiento de tr\u00e1mites administrativos innecesarios para acceder a los servicios de salud \u00a0 Una EPS vulnera el derecho a la salud de una persona cuando le obstaculiza el acceso al servicio, con base en el argumento de que la persona no ha presentado la solicitud al Comit\u00e9 T\u00e9cnico Cient\u00edfico. El m\u00e9dico tratante tiene la carga de iniciar dicho tr\u00e1mite \u00a0 ...<br \/><div class=\"pt-cv-rmwrap\"><a href=\"https:\/\/www.dmsjuridica.com\/buscador_20179478954\/corteconstitucionalcronologico202454587\/t-413-12\/\" class=\"_self pt-cv-readmore btn btn-success\" target=\"_self\">Ver Sentencia Completa...<\/a><\/div><\/div><\/div><\/div>\n<div class=\"col-md-12 col-sm-12 col-xs-12 pt-cv-content-item pt-cv-1-col\" ><div class='pt-cv-ifield'><a href=\"https:\/\/www.dmsjuridica.com\/buscador_20179478954\/corteconstitucionalcronologico202454587\/t-412-12\/\" class=\"_self pt-cv-href-thumbnail pt-cv-thumb-default\" target=\"_self\" ><\/a>\n<div class=\"pt-cv-taxoterm above_title\"><a href='https:\/\/www.dmsjuridica.com\/buscador_20179478954\/corteconstitucionalcronologico202454587\/category\/buscar-en-toda-la-corte\/2012\/tutelas-2012\/' title='Tutelas 2012' class='pt-cv-tax-tutelas-2012'>Tutelas 2012<\/a><\/div>\n<h4 class=\"pt-cv-title\"><a href=\"https:\/\/www.dmsjuridica.com\/buscador_20179478954\/corteconstitucionalcronologico202454587\/t-412-12\/\" class=\"_self\" target=\"_self\" >T-412-12<\/a><\/h4>\n<div class=\"pt-cv-content\">\u00a0 \u00a0 Sentencia T-412\/12 \u00a0 \u00a0(Bogot\u00e1 D.C., mayo 31) \u00a0 ACCION DE TUTELA CONTRA PROVIDENCIAS JUDICIALES-Requisitos generales y especiales de procedibilidad \u00a0 DEBIDO PROCESO PENAL Y DERECHO DE DEFENSA-Vulneraci\u00f3n por cuanto se presentaron serias irregularidades en el proceso y no se respetaron las garant\u00edas procesales \u00a0 De conformidad con el art\u00edculo 29 de la Constituci\u00f3n Pol\u00edtica, el derecho al debido proceso tiene la finalidad de resguardar garant\u00edas b\u00e1sicas o esenciales de cualquier tipo de proceso, como son: el derecho al juez natural, a presentar y controvertir pruebas, el derecho a la segunda instancia, al principio de legalidad, el derecho de ...<br \/><div class=\"pt-cv-rmwrap\"><a href=\"https:\/\/www.dmsjuridica.com\/buscador_20179478954\/corteconstitucionalcronologico202454587\/t-412-12\/\" class=\"_self pt-cv-readmore btn btn-success\" target=\"_self\">Ver Sentencia Completa...<\/a><\/div><\/div><\/div><\/div>\n<div class=\"col-md-12 col-sm-12 col-xs-12 pt-cv-content-item pt-cv-1-col\" ><div class='pt-cv-ifield'><a href=\"https:\/\/www.dmsjuridica.com\/buscador_20179478954\/corteconstitucionalcronologico202454587\/t-411-12\/\" class=\"_self pt-cv-href-thumbnail pt-cv-thumb-default\" target=\"_self\" ><\/a>\n<div class=\"pt-cv-taxoterm above_title\"><a href='https:\/\/www.dmsjuridica.com\/buscador_20179478954\/corteconstitucionalcronologico202454587\/category\/buscar-en-toda-la-corte\/2012\/tutelas-2012\/' title='Tutelas 2012' class='pt-cv-tax-tutelas-2012'>Tutelas 2012<\/a><\/div>\n<h4 class=\"pt-cv-title\"><a href=\"https:\/\/www.dmsjuridica.com\/buscador_20179478954\/corteconstitucionalcronologico202454587\/t-411-12\/\" class=\"_self\" target=\"_self\" >T-411-12<\/a><\/h4>\n<div class=\"pt-cv-content\">\u00a0 \u00a0 Sentencia T-411\/12 \u00a0 \u00a0(Bogot\u00e1, DC, mayo 31 de 2012) \u00a0 ACCION DE TUTELA COMO MECANISMO TRANSITORIO PARA LA RELIQUIDACION DE LA MESADA PENSIONAL-Caso en que no existen elementos de juicio que permitan concluir la existencia de un perjuicio irremediable para su procedencia \u00a0 La Corte ha exigido que para que proceda la tutela como mecanismo de defensa transitorio, el perjuicio se encuentre probado en el proceso, puesto que el juez de tutela no est\u00e1 en capacidad de estructurar, concebir, imaginar o proyectar, por s\u00ed mismo, el contexto f\u00e1ctico en el que ha tenido ocurrencia el presunto da\u00f1o irreparable ...<br \/><div class=\"pt-cv-rmwrap\"><a href=\"https:\/\/www.dmsjuridica.com\/buscador_20179478954\/corteconstitucionalcronologico202454587\/t-411-12\/\" class=\"_self pt-cv-readmore btn btn-success\" target=\"_self\">Ver Sentencia Completa...<\/a><\/div><\/div><\/div><\/div>\n<div class=\"col-md-12 col-sm-12 col-xs-12 pt-cv-content-item pt-cv-1-col\" ><div class='pt-cv-ifield'><a href=\"https:\/\/www.dmsjuridica.com\/buscador_20179478954\/corteconstitucionalcronologico202454587\/t-410-12\/\" class=\"_self pt-cv-href-thumbnail pt-cv-thumb-default\" target=\"_self\" ><\/a>\n<div class=\"pt-cv-taxoterm above_title\"><a href='https:\/\/www.dmsjuridica.com\/buscador_20179478954\/corteconstitucionalcronologico202454587\/category\/buscar-en-toda-la-corte\/2012\/tutelas-2012\/' title='Tutelas 2012' class='pt-cv-tax-tutelas-2012'>Tutelas 2012<\/a><\/div>\n<h4 class=\"pt-cv-title\"><a href=\"https:\/\/www.dmsjuridica.com\/buscador_20179478954\/corteconstitucionalcronologico202454587\/t-410-12\/\" class=\"_self\" target=\"_self\" >T-410-12<\/a><\/h4>\n<div class=\"pt-cv-content\">\u00a0 \u00a0 Sentencia T-410\/12 \u00a0 (Bogot\u00e1, DC, Mayo 31) \u00a0 ACCION DE TUTELA PARA RECONOCIMIENTO DE PENSION DE VEJEZ-Reiteraci\u00f3n de jurisprudencia sobre procedencia excepcional \u00a0 Este Tribunal ha se\u00f1alado que la acci\u00f3n de tutela procede para el reconocimiento del derecho a la pensi\u00f3n \u2018(i) cuando quiera que su afectaci\u00f3n vulnera derechos de raigambre fundamental como la vida, o el m\u00ednimo vital; o (ii) en eventos en los que se trata del reconocimiento de esta prestaci\u00f3n a favor de una persona de la tercera edad, dada la especial protecci\u00f3n de la que son destinatarios por orden de la Constituci\u00f3n, y visto ...<br \/><div class=\"pt-cv-rmwrap\"><a href=\"https:\/\/www.dmsjuridica.com\/buscador_20179478954\/corteconstitucionalcronologico202454587\/t-410-12\/\" class=\"_self pt-cv-readmore btn btn-success\" target=\"_self\">Ver Sentencia Completa...<\/a><\/div><\/div><\/div><\/div>\n<div class=\"col-md-12 col-sm-12 col-xs-12 pt-cv-content-item pt-cv-1-col\" ><div class='pt-cv-ifield'><a href=\"https:\/\/www.dmsjuridica.com\/buscador_20179478954\/corteconstitucionalcronologico202454587\/t-409-12\/\" class=\"_self pt-cv-href-thumbnail pt-cv-thumb-default\" target=\"_self\" ><\/a>\n<div class=\"pt-cv-taxoterm above_title\"><a href='https:\/\/www.dmsjuridica.com\/buscador_20179478954\/corteconstitucionalcronologico202454587\/category\/buscar-en-toda-la-corte\/2012\/tutelas-2012\/' title='Tutelas 2012' class='pt-cv-tax-tutelas-2012'>Tutelas 2012<\/a><\/div>\n<h4 class=\"pt-cv-title\"><a href=\"https:\/\/www.dmsjuridica.com\/buscador_20179478954\/corteconstitucionalcronologico202454587\/t-409-12\/\" class=\"_self\" target=\"_self\" >T-409-12<\/a><\/h4>\n<div class=\"pt-cv-content\">\u00a0 \u00a0 Sentencia T-409\/12 \u00a0 (Bogot\u00e1 D.C, mayo 31) \u00a0 PERSONA DE LA TERCERA EDAD-Sujeto\u00a0de especial protecci\u00f3n por su situaci\u00f3n de debilidad manifiesta \u00a0 \u00a0 \u00a0 ACCION DE TUTELA DE PERSONA DE LA TERCERA EDAD-Procedencia \u00a0 \u00a0 \u00a0 DERECHO AL MINIMO VITAL Y ACCESO A LA ADMINISTRACION DE JUSTICIA DE PERSONA ANCIANA-Vulneraci\u00f3n \u00a0 \u00a0 \u00a0 ACCION DE TUTELA PARA CUMPLIMIENTO DE SENTENCIA JUDICIAL-Procedencia \u00a0 \u00a0 \u00a0 ACCION DE TUTELA PARA CUMPLIMIENTO DE OBLIGACIONES DE HACER-Procedencia \u00a0 \u00a0 \u00a0 ACCION DE TUTELA PARA CUMPLIMIENTO DE OBLIGACIONES DE DAR-Procedencia excepcional si vulnera otros derechos fundamentales \u00a0 \u00a0 \u00a0 VULNERACION AL MINIMO VITAL ...<br \/><div class=\"pt-cv-rmwrap\"><a href=\"https:\/\/www.dmsjuridica.com\/buscador_20179478954\/corteconstitucionalcronologico202454587\/t-409-12\/\" class=\"_self pt-cv-readmore btn btn-success\" target=\"_self\">Ver Sentencia Completa...<\/a><\/div><\/div><\/div><\/div>\n<div class=\"col-md-12 col-sm-12 col-xs-12 pt-cv-content-item pt-cv-1-col\" ><div class='pt-cv-ifield'><a href=\"https:\/\/www.dmsjuridica.com\/buscador_20179478954\/corteconstitucionalcronologico202454587\/t-408-12\/\" class=\"_self pt-cv-href-thumbnail pt-cv-thumb-default\" target=\"_self\" ><\/a>\n<div class=\"pt-cv-taxoterm above_title\"><a href='https:\/\/www.dmsjuridica.com\/buscador_20179478954\/corteconstitucionalcronologico202454587\/category\/buscar-en-toda-la-corte\/2012\/tutelas-2012\/' title='Tutelas 2012' class='pt-cv-tax-tutelas-2012'>Tutelas 2012<\/a><\/div>\n<h4 class=\"pt-cv-title\"><a href=\"https:\/\/www.dmsjuridica.com\/buscador_20179478954\/corteconstitucionalcronologico202454587\/t-408-12\/\" class=\"_self\" target=\"_self\" >T-408-12<\/a><\/h4>\n<div class=\"pt-cv-content\">\u00a0 \u00a0 Sentencia T-408\/12 \u00a0 (Bogot\u00e1 D.C., mayo 31) \u00a0 ACCION DE TUTELA PARA RECONOCIMIENTO DE PENSION DE VEJEZ-Procedencia por configuraci\u00f3n de un perjuicio irremediable pese a la existencia de otros mecanismos judiciales \u00a0 \u00a0 \u00a0 DERECHO A LA SEGURIDAD SOCIAL Y MINIMO VITAL-Vulneraci\u00f3n por negativa de reconocimiento de la pensi\u00f3n de vejez \u00a0 \u00a0 \u00a0 REGIMEN DE TRANSICION PREVISTO EN EL ARTICULO 36 DE LA LEY 100\/93 \u00a0 \u00a0 \u00a0 PENSION DE VEJEZ-Reconocimiento bajo el r\u00e9gimen del Decreto 758\/90 \u00a0 \u00a0 \u00a0 DEBIDO PROCESO-Los aportes efectuados como independiente no requieren simult\u00e1neamente aportes a salud \u00a0 \u00a0 \u00a0 DERECHO AL ...<br \/><div class=\"pt-cv-rmwrap\"><a href=\"https:\/\/www.dmsjuridica.com\/buscador_20179478954\/corteconstitucionalcronologico202454587\/t-408-12\/\" class=\"_self pt-cv-readmore btn btn-success\" target=\"_self\">Ver Sentencia Completa...<\/a><\/div><\/div><\/div><\/div>\n<div class=\"col-md-12 col-sm-12 col-xs-12 pt-cv-content-item pt-cv-1-col\" ><div class='pt-cv-ifield'><a href=\"https:\/\/www.dmsjuridica.com\/buscador_20179478954\/corteconstitucionalcronologico202454587\/t-407-12\/\" class=\"_self pt-cv-href-thumbnail pt-cv-thumb-default\" target=\"_self\" ><\/a>\n<div class=\"pt-cv-taxoterm above_title\"><a href='https:\/\/www.dmsjuridica.com\/buscador_20179478954\/corteconstitucionalcronologico202454587\/category\/buscar-en-toda-la-corte\/2012\/tutelas-2012\/' title='Tutelas 2012' class='pt-cv-tax-tutelas-2012'>Tutelas 2012<\/a><\/div>\n<h4 class=\"pt-cv-title\"><a href=\"https:\/\/www.dmsjuridica.com\/buscador_20179478954\/corteconstitucionalcronologico202454587\/t-407-12\/\" class=\"_self\" target=\"_self\" >T-407-12<\/a><\/h4>\n<div class=\"pt-cv-content\">\u00a0 \u00a0 Sentencia T-407\/12\u00a0 \u00a0 \u00a0(Bogot\u00e1 DC, mayo 31) \u00a0 INSTALACION DE CAMARAS DE SEGURIDAD EN AULAS DE CLASE DE INSTITUCION EDUCATIVA-Vulneraci\u00f3n del derecho a la intimidad y libre desarrollo de la personalidad \u00a0 ACCION DE TUTELA-Requisitos de procedibilidad \u00a0 ESPACIO PUBLICO-Jurisprudencia constitucional\/ESPACIO PUBLICO-Elementos que integran el concepto \u00a0 ESPACIO PRIVADO-Definici\u00f3n\u00a0 \u00a0 PROTECCION DE LOS ESPACIOS PRIVADOS-Asociado a la noci\u00f3n de intimidad\u00a0 \u00a0 INTIMIDAD-Definici\u00f3n\/INTIMIDAD ASOCIADA CON EL RESPETO AL ESPACIO PRIVADO DE LAS PERSONAS-Reiteraci\u00f3n de jurisprudencia \u00a0 \u00a0 DERECHO A LA INTIMIDAD-Maneras de vulneraci\u00f3n\u00a0 \u00a0 La Corte ha diferenciado tres diferentes maneras de vulnerar el n\u00facleo esencial del derecho a ...<br \/><div class=\"pt-cv-rmwrap\"><a href=\"https:\/\/www.dmsjuridica.com\/buscador_20179478954\/corteconstitucionalcronologico202454587\/t-407-12\/\" class=\"_self pt-cv-readmore btn btn-success\" target=\"_self\">Ver Sentencia Completa...<\/a><\/div><\/div><\/div><\/div>\n<div class=\"col-md-12 col-sm-12 col-xs-12 pt-cv-content-item pt-cv-1-col\" ><div class='pt-cv-ifield'><a href=\"https:\/\/www.dmsjuridica.com\/buscador_20179478954\/corteconstitucionalcronologico202454587\/t-406-12\/\" class=\"_self pt-cv-href-thumbnail pt-cv-thumb-default\" target=\"_self\" ><\/a>\n<div class=\"pt-cv-taxoterm above_title\"><a href='https:\/\/www.dmsjuridica.com\/buscador_20179478954\/corteconstitucionalcronologico202454587\/category\/buscar-en-toda-la-corte\/2012\/tutelas-2012\/' title='Tutelas 2012' class='pt-cv-tax-tutelas-2012'>Tutelas 2012<\/a><\/div>\n<h4 class=\"pt-cv-title\"><a href=\"https:\/\/www.dmsjuridica.com\/buscador_20179478954\/corteconstitucionalcronologico202454587\/t-406-12\/\" class=\"_self\" target=\"_self\" >T-406-12<\/a><\/h4>\n<div class=\"pt-cv-content\">\u00a0 \u00a0 Sentencia T-406\/12 \u00a0 ACCION DE TUTELA-Procedencia excepcional para la protecci\u00f3n de los derechos laborales de mujer embarazada \u00a0 DERECHO A LA ESTABILIDAD LABORAL REFORZADA DE MUJER EMBARAZADA-Reiteraci\u00f3n de jurisprudencia \u00a0 \u00a0 \u00a0 ESTABILIDAD LABORAL REFORZADA DE MUJER EMBARAZADA-Aplica independientemente de la modalidad del v\u00ednculo que se ostente \u00a0 \u00a0 \u00a0 ACCION DE TUTELA EN MATERIA DE DERECHO A LA ESTABILIDAD LABORAL REFORZADA DE MUJER EMBARAZADA-Presupuestos \u00a0 \u00a0 \u00a0 DERECHO A LA ESTABILIDAD LABORAL REFORZADA DE MUJER EMBARAZADA-No\u00a0exige aviso del estado de embarazo por trabajadora al empleador \u00a0 \u00a0 \u00a0 EMPLEADOR-Conocimiento del estado de embarazo adquiere relevancia para determinar ...<br \/><div class=\"pt-cv-rmwrap\"><a href=\"https:\/\/www.dmsjuridica.com\/buscador_20179478954\/corteconstitucionalcronologico202454587\/t-406-12\/\" class=\"_self pt-cv-readmore btn btn-success\" target=\"_self\">Ver Sentencia Completa...<\/a><\/div><\/div><\/div><\/div>\n<div class=\"col-md-12 col-sm-12 col-xs-12 pt-cv-content-item pt-cv-1-col\" ><div class='pt-cv-ifield'><a href=\"https:\/\/www.dmsjuridica.com\/buscador_20179478954\/corteconstitucionalcronologico202454587\/t-405-12\/\" class=\"_self pt-cv-href-thumbnail pt-cv-thumb-default\" target=\"_self\" ><\/a>\n<div class=\"pt-cv-taxoterm above_title\"><a href='https:\/\/www.dmsjuridica.com\/buscador_20179478954\/corteconstitucionalcronologico202454587\/category\/buscar-en-toda-la-corte\/2012\/tutelas-2012\/' title='Tutelas 2012' class='pt-cv-tax-tutelas-2012'>Tutelas 2012<\/a><\/div>\n<h4 class=\"pt-cv-title\"><a href=\"https:\/\/www.dmsjuridica.com\/buscador_20179478954\/corteconstitucionalcronologico202454587\/t-405-12\/\" class=\"_self\" target=\"_self\" >T-405-12<\/a><\/h4>\n<div class=\"pt-cv-content\">\u00a0 \u00a0 Sentencia T-405\/12 \u00a0 ACCION DE TUTELA CONTRA EL FONDO NACIONAL DEL AHORRO-Inoponibilidad del principio de inmediatez como requisito de procedibilidad en los casos en que se han variado las condiciones iniciales del cr\u00e9dito de pesos a UVR \u00a0 \u00a0 \u00a0 ACCION DE TUTELA CONTRA EL FONDO NACIONAL DEL AHORRO-Procedencia por violaci\u00f3n al debido proceso y los principios de buena fe y respeto por el acto propio al variar unilateralmente las condiciones del contrato de mutuo para la adquisici\u00f3n de vivienda \u00a0 \u00a0 \u00a0 \u00a0 \u00a0 ACCION DE TUTELA CONTRA EL FONDO NACIONAL DEL AHORRO-Inexistencia de otro medio de ...<br \/><div class=\"pt-cv-rmwrap\"><a href=\"https:\/\/www.dmsjuridica.com\/buscador_20179478954\/corteconstitucionalcronologico202454587\/t-405-12\/\" class=\"_self pt-cv-readmore btn btn-success\" target=\"_self\">Ver Sentencia Completa...<\/a><\/div><\/div><\/div><\/div>\n<div class=\"col-md-12 col-sm-12 col-xs-12 pt-cv-content-item pt-cv-1-col\" ><div class='pt-cv-ifield'><a href=\"https:\/\/www.dmsjuridica.com\/buscador_20179478954\/corteconstitucionalcronologico202454587\/t-404-12\/\" class=\"_self pt-cv-href-thumbnail pt-cv-thumb-default\" target=\"_self\" ><\/a>\n<div class=\"pt-cv-taxoterm above_title\"><a href='https:\/\/www.dmsjuridica.com\/buscador_20179478954\/corteconstitucionalcronologico202454587\/category\/buscar-en-toda-la-corte\/2012\/tutelas-2012\/' title='Tutelas 2012' class='pt-cv-tax-tutelas-2012'>Tutelas 2012<\/a><\/div>\n<h4 class=\"pt-cv-title\"><a href=\"https:\/\/www.dmsjuridica.com\/buscador_20179478954\/corteconstitucionalcronologico202454587\/t-404-12\/\" class=\"_self\" target=\"_self\" >T-404-12<\/a><\/h4>\n<div class=\"pt-cv-content\">\u00a0 \u00a0 Sentencia T-404\/12 \u00a0 ACCION DE TUTELA COMO MECANISMO TRANSITORIO ANTE LA EXISTENCIA DE UN PERJUICIO IRREMEDIABLE\/PRINCIPIO DE SUBSIDIARIEDAD DE LA ACCION DE TUTELA-Caso en que el demandante pide pago de recompensa por informaci\u00f3n suministrada al Ej\u00e9rcito Nacional \u00a0 La Sala advierte que, en esta oportunidad, la solicitud de amparo no se enmarca dentro de los supuestos que permiten su formulaci\u00f3n, no obstante existir medios judiciales de reclamaci\u00f3n. En tal sentido, el actor no pod\u00eda prescindir del mecanismo ordinario para la resoluci\u00f3n de su conflicto, pues ello comportar\u00eda la desnaturalizaci\u00f3n de la acci\u00f3n de tutela como un mecanismo subsidiario ...<br \/><div class=\"pt-cv-rmwrap\"><a href=\"https:\/\/www.dmsjuridica.com\/buscador_20179478954\/corteconstitucionalcronologico202454587\/t-404-12\/\" class=\"_self pt-cv-readmore btn btn-success\" target=\"_self\">Ver Sentencia Completa...<\/a><\/div><\/div><\/div><\/div>\n<div class=\"col-md-12 col-sm-12 col-xs-12 pt-cv-content-item pt-cv-1-col\" ><div class='pt-cv-ifield'><a href=\"https:\/\/www.dmsjuridica.com\/buscador_20179478954\/corteconstitucionalcronologico202454587\/t-403-12\/\" class=\"_self pt-cv-href-thumbnail pt-cv-thumb-default\" target=\"_self\" ><\/a>\n<div class=\"pt-cv-taxoterm above_title\"><a href='https:\/\/www.dmsjuridica.com\/buscador_20179478954\/corteconstitucionalcronologico202454587\/category\/buscar-en-toda-la-corte\/2012\/tutelas-2012\/' title='Tutelas 2012' class='pt-cv-tax-tutelas-2012'>Tutelas 2012<\/a><\/div>\n<h4 class=\"pt-cv-title\"><a href=\"https:\/\/www.dmsjuridica.com\/buscador_20179478954\/corteconstitucionalcronologico202454587\/t-403-12\/\" class=\"_self\" target=\"_self\" >T-403-12<\/a><\/h4>\n<div class=\"pt-cv-content\">\u00a0 \u00a0 Sentencia T-403\/12 \u00a0 ACCION DE TUTELA-Procedencia excepcional para reconocimiento y pago de prestaciones sociales \u00a0 ACCION DE TUTELA PARA RECONOCIMIENTO Y PAGO DE PRESTACIONES SOCIALES-Procedencia excepcional a\u00fan cuando exista otro medio de defensa judicial o para evitar un perjuicio irremediable \u00a0 \u00a0 \u00a0 RECONOCIMIENTO Y PAGO DE PRESTACIONES SOCIALES EN MATERIA PENSIONAL-Competencia de jurisdicci\u00f3n ordinaria o contencioso administrativa \u00a0 \u00a0 \u00a0 PERJUICIO IRREMEDIABLE-Elementos \u00a0 \u00a0 \u00a0 PERSONA CON DISMINUCION FISICA-Protecci\u00f3n constitucional especial \u00a0 \u00a0 \u00a0 PERSONA CON DISMINUCION FISICA-Condici\u00f3n no exime que se compruebe sumariamente la afectaci\u00f3n irremediable \u00a0 PENSION DE INVALIDEZ EN REGIMEN ESPECIAL DE FUERZAS MILITARES-Requisitos ...<br \/><div class=\"pt-cv-rmwrap\"><a href=\"https:\/\/www.dmsjuridica.com\/buscador_20179478954\/corteconstitucionalcronologico202454587\/t-403-12\/\" class=\"_self pt-cv-readmore btn btn-success\" target=\"_self\">Ver Sentencia Completa...<\/a><\/div><\/div><\/div><\/div>\n<div class=\"col-md-12 col-sm-12 col-xs-12 pt-cv-content-item pt-cv-1-col\" ><div class='pt-cv-ifield'><a href=\"https:\/\/www.dmsjuridica.com\/buscador_20179478954\/corteconstitucionalcronologico202454587\/t-402-12\/\" class=\"_self pt-cv-href-thumbnail pt-cv-thumb-default\" target=\"_self\" ><\/a>\n<div class=\"pt-cv-taxoterm above_title\"><a href='https:\/\/www.dmsjuridica.com\/buscador_20179478954\/corteconstitucionalcronologico202454587\/category\/buscar-en-toda-la-corte\/2012\/tutelas-2012\/' title='Tutelas 2012' class='pt-cv-tax-tutelas-2012'>Tutelas 2012<\/a><\/div>\n<h4 class=\"pt-cv-title\"><a href=\"https:\/\/www.dmsjuridica.com\/buscador_20179478954\/corteconstitucionalcronologico202454587\/t-402-12\/\" class=\"_self\" target=\"_self\" >T-402-12<\/a><\/h4>\n<div class=\"pt-cv-content\">\u00a0 \u00a0 Sentencia T-402\/12 \u00a0 ACCION DE TUTELA CONTRA COMISION NACIONAL DEL SERVICIO CIVIL-Supresi\u00f3n de cargo de carrera administrativa por reestructuraci\u00f3n en Instituto de Vivienda de Inter\u00e9s Social y Reforma Urbana \u00a0 \u00a0 \u00a0 ACCION DE TUTELA-Procedencia siempre que v\u00edas ordinarias no resulten expeditas para una protecci\u00f3n inmediata y real \u00a0 \u00a0 \u00a0 CONCURSO PUBLICO DE MERITOS-Ineficacia de mecanismos judiciales de defensa en el ordenamiento jur\u00eddico para solucionar controversias \u00a0 \u00a0 \u00a0 CONCURSO DE MERITOS-Casos en que procede excepcionalmente la tutela \u00a0 \u00a0 \u00a0 CARRERA ADMINISTRATIVA-Regla general \u00a0 \u00a0 \u00a0 CARRERA ADMINISTRATIVA-Acceso mediante concurso publico de m\u00e9ritos \u00a0 \u00a0 \u00a0 ...<br \/><div class=\"pt-cv-rmwrap\"><a href=\"https:\/\/www.dmsjuridica.com\/buscador_20179478954\/corteconstitucionalcronologico202454587\/t-402-12\/\" class=\"_self pt-cv-readmore btn btn-success\" target=\"_self\">Ver Sentencia Completa...<\/a><\/div><\/div><\/div><\/div>\n<div class=\"col-md-12 col-sm-12 col-xs-12 pt-cv-content-item pt-cv-1-col\" ><div class='pt-cv-ifield'><a href=\"https:\/\/www.dmsjuridica.com\/buscador_20179478954\/corteconstitucionalcronologico202454587\/t-401-12\/\" class=\"_self pt-cv-href-thumbnail pt-cv-thumb-default\" target=\"_self\" ><\/a>\n<div class=\"pt-cv-taxoterm above_title\"><a href='https:\/\/www.dmsjuridica.com\/buscador_20179478954\/corteconstitucionalcronologico202454587\/category\/buscar-en-toda-la-corte\/2012\/tutelas-2012\/' title='Tutelas 2012' class='pt-cv-tax-tutelas-2012'>Tutelas 2012<\/a><\/div>\n<h4 class=\"pt-cv-title\"><a href=\"https:\/\/www.dmsjuridica.com\/buscador_20179478954\/corteconstitucionalcronologico202454587\/t-401-12\/\" class=\"_self\" target=\"_self\" >T-401-12<\/a><\/h4>\n<div class=\"pt-cv-content\">\u00a0 \u00a0 NOTA DE RELATORIA: Mediante auto 090 de fecha 23 de febrero de 2017, el cual se anexa en la parte final, la Sala Plena de la Corporaci\u00f3n decide declarar la nulidad de la presente providencia, luego de constatar la violaci\u00f3n del debido proceso por omisi\u00f3n de an\u00e1lisis sobre aspectos de relevancia constitucional, que ten\u00edan efectos trascendentales en el sentido de la decisi\u00f3n adoptada \u00a0 Sentencia T-401\/12 \u00a0 ACCION DE TUTELA CONTRA PROVIDENCIAS JUDICIALES-Reiteraci\u00f3n de jurisprudencia sobre procedencia excepcional \u00a0 \u00a0 \u00a0 ACCION DE TUTELA CONTRA PROVIDENCIAS JUDICIALES-Requisitos generales de procedibilidad \u00a0 \u00a0 \u00a0 ACCION DE TUTELA CONTRA PROVIDENCIAS ...<br \/><div class=\"pt-cv-rmwrap\"><a href=\"https:\/\/www.dmsjuridica.com\/buscador_20179478954\/corteconstitucionalcronologico202454587\/t-401-12\/\" class=\"_self pt-cv-readmore btn btn-success\" target=\"_self\">Ver Sentencia Completa...<\/a><\/div><\/div><\/div><\/div>\n<div class=\"col-md-12 col-sm-12 col-xs-12 pt-cv-content-item pt-cv-1-col\" ><div class='pt-cv-ifield'><a href=\"https:\/\/www.dmsjuridica.com\/buscador_20179478954\/corteconstitucionalcronologico202454587\/t-392-12\/\" class=\"_self pt-cv-href-thumbnail pt-cv-thumb-default\" target=\"_self\" ><\/a>\n<div class=\"pt-cv-taxoterm above_title\"><a href='https:\/\/www.dmsjuridica.com\/buscador_20179478954\/corteconstitucionalcronologico202454587\/category\/buscar-en-toda-la-corte\/2012\/tutelas-2012\/' title='Tutelas 2012' class='pt-cv-tax-tutelas-2012'>Tutelas 2012<\/a><\/div>\n<h4 class=\"pt-cv-title\"><a href=\"https:\/\/www.dmsjuridica.com\/buscador_20179478954\/corteconstitucionalcronologico202454587\/t-392-12\/\" class=\"_self\" target=\"_self\" >T-392-12<\/a><\/h4>\n<div class=\"pt-cv-content\">\u00a0 \u00a0 Sentencia T-392\/12 \u00a0 AGENCIA OFICIOSA EN TUTELA-Titular de derechos no se encuentra en condiciones de promover su propia defensa \u00a0 CARENCIA ACTUAL DE OBJETO POR FALLECIMIENTO DE LA AGENCIADA-Reiteraci\u00f3n de jurisprudencia \u00a0 DETERMINACION DE CARENCIA ACTUAL DE OBJETO-No necesariamente conlleva a declarar la improcedencia de la acci\u00f3n en sede de revisi\u00f3n \u00a0 La Corte debe examinar si la decisi\u00f3n de instancia se profiri\u00f3 conforme a las normas constitucionales y si existi\u00f3 o no una vulneraci\u00f3n de los derechos invocados \u00a0 DERECHO A LA SALUD-Servicio p\u00fablico a que tienen derecho todos los habitantes del territorio nacional \u00a0 DERECHO A ...<br \/><div class=\"pt-cv-rmwrap\"><a href=\"https:\/\/www.dmsjuridica.com\/buscador_20179478954\/corteconstitucionalcronologico202454587\/t-392-12\/\" class=\"_self pt-cv-readmore btn btn-success\" target=\"_self\">Ver Sentencia Completa...<\/a><\/div><\/div><\/div><\/div>\n<div class=\"col-md-12 col-sm-12 col-xs-12 pt-cv-content-item pt-cv-1-col\" ><div class='pt-cv-ifield'><a href=\"https:\/\/www.dmsjuridica.com\/buscador_20179478954\/corteconstitucionalcronologico202454587\/t-391-12\/\" class=\"_self pt-cv-href-thumbnail pt-cv-thumb-default\" target=\"_self\" ><\/a>\n<div class=\"pt-cv-taxoterm above_title\"><a href='https:\/\/www.dmsjuridica.com\/buscador_20179478954\/corteconstitucionalcronologico202454587\/category\/buscar-en-toda-la-corte\/2012\/tutelas-2012\/' title='Tutelas 2012' class='pt-cv-tax-tutelas-2012'>Tutelas 2012<\/a><\/div>\n<h4 class=\"pt-cv-title\"><a href=\"https:\/\/www.dmsjuridica.com\/buscador_20179478954\/corteconstitucionalcronologico202454587\/t-391-12\/\" class=\"_self\" target=\"_self\" >T-391-12<\/a><\/h4>\n<div class=\"pt-cv-content\">\u00a0 \u00a0 Sentencia T-391\/12 \u00a0 CAMBIO DE NOMBRE-Fundamento jur\u00eddico \u00a0 DERECHO A LA PERSONALIDAD JURIDICA-Individualidad de la persona como sujeto de derecho \u00a0 CARENCIA ACTUAL DE OBJETO POR HECHO SUPERADO-Reiteraci\u00f3n de jurisprudencia \u00a0 Referencia: expediente T- 3.182.570 \u00a0 Acci\u00f3n de Tutela instaurada por Juli\u00e1n en contra de la Registradur\u00eda Nacional del Estado Civil.\u00a0 \u00a0 Magistrado Ponente:\u00a0 \u00a0 JORGE IGNACIO PRETELT CHALJUB \u00a0 Bogot\u00e1 D.C. veintiocho (28) de mayo de dos mil doce (2012) \u00a0 La Sala S\u00e9ptima de Revisi\u00f3n de tutelas de la Corte Constitucional, conformada por los Magistrados Jorge Ignacio Pretelt Chaljub -quien la preside, Humberto Antonio Sierra Porto ...<br \/><div class=\"pt-cv-rmwrap\"><a href=\"https:\/\/www.dmsjuridica.com\/buscador_20179478954\/corteconstitucionalcronologico202454587\/t-391-12\/\" class=\"_self pt-cv-readmore btn btn-success\" target=\"_self\">Ver Sentencia Completa...<\/a><\/div><\/div><\/div><\/div>\n<div class=\"col-md-12 col-sm-12 col-xs-12 pt-cv-content-item pt-cv-1-col\" ><div class='pt-cv-ifield'><a href=\"https:\/\/www.dmsjuridica.com\/buscador_20179478954\/corteconstitucionalcronologico202454587\/t-390-12\/\" class=\"_self pt-cv-href-thumbnail pt-cv-thumb-default\" target=\"_self\" ><\/a>\n<div class=\"pt-cv-taxoterm above_title\"><a href='https:\/\/www.dmsjuridica.com\/buscador_20179478954\/corteconstitucionalcronologico202454587\/category\/buscar-en-toda-la-corte\/2012\/tutelas-2012\/' title='Tutelas 2012' class='pt-cv-tax-tutelas-2012'>Tutelas 2012<\/a><\/div>\n<h4 class=\"pt-cv-title\"><a href=\"https:\/\/www.dmsjuridica.com\/buscador_20179478954\/corteconstitucionalcronologico202454587\/t-390-12\/\" class=\"_self\" target=\"_self\" >T-390-12<\/a><\/h4>\n<div class=\"pt-cv-content\">\u00a0 \u00a0 Sentencia T-390\/12 \u00a0 ACCION DE TUTELA CONTRA JUZGADOS CIVILES DEL CIRCUITO-Caso en que se vulnera el debido proceso por carencia de jurisdicci\u00f3n de despachos ordinarios civiles \u00a0 ACCION DE TUTELA CONTRA PROVIDENCIAS JUDICIALES POR DEFECTO ORGANICO-Falta de competencia del funcionario judicial \u00a0 ACCION DE TUTELA CONTRA PROVIDENCIAS JUDICIALES-Causales gen\u00e9ricas y especiales de procedibilidad \u00a0 VIA DE HECHO-Reiteraci\u00f3n de jurisprudencia \u00a0 JUEZ DE TUTELA-No puede extender su actuaci\u00f3n a resolver la cuesti\u00f3n litigiosa, obstaculizar el ejercicio de las diligencias ordenadas por el juez ordinario, ni modificar sus providencias \u00a0 JUEZ DE TUTELA-No puede convertirse en el m\u00e1ximo int\u00e9rprete del ...<br \/><div class=\"pt-cv-rmwrap\"><a href=\"https:\/\/www.dmsjuridica.com\/buscador_20179478954\/corteconstitucionalcronologico202454587\/t-390-12\/\" class=\"_self pt-cv-readmore btn btn-success\" target=\"_self\">Ver Sentencia Completa...<\/a><\/div><\/div><\/div><\/div>\n<div class=\"col-md-12 col-sm-12 col-xs-12 pt-cv-content-item pt-cv-1-col\" ><div class='pt-cv-ifield'><a href=\"https:\/\/www.dmsjuridica.com\/buscador_20179478954\/corteconstitucionalcronologico202454587\/t-389-12\/\" class=\"_self pt-cv-href-thumbnail pt-cv-thumb-default\" target=\"_self\" ><\/a>\n<div class=\"pt-cv-taxoterm above_title\"><a href='https:\/\/www.dmsjuridica.com\/buscador_20179478954\/corteconstitucionalcronologico202454587\/category\/buscar-en-toda-la-corte\/2012\/tutelas-2012\/' title='Tutelas 2012' class='pt-cv-tax-tutelas-2012'>Tutelas 2012<\/a><\/div>\n<h4 class=\"pt-cv-title\"><a href=\"https:\/\/www.dmsjuridica.com\/buscador_20179478954\/corteconstitucionalcronologico202454587\/t-389-12\/\" class=\"_self\" target=\"_self\" >T-389-12<\/a><\/h4>\n<div class=\"pt-cv-content\">\u00a0 \u00a0 Sentencia T-389\/12 \u00a0 DERECHO A LA SALUD DE NI\u00d1OS Y NI\u00d1AS-Reiteraci\u00f3n de jurisprudencia \u00a0 \u00a0 \u00a0 DERECHO A LA SALUD DE NI\u00d1OS Y NI\u00d1AS-Fundamental y prevalente \u00a0 \u00a0 \u00a0 DERECHO A LA SALUD Y SEGURIDAD SOCIAL DE NI\u00d1OS Y NI\u00d1AS-Fundamental \u00a0 \u00a0 \u00a0 ENTIDAD PRESTADORA DE SERVICIOS DE SALUD-Deber de desplegar alternativas viables a sus asociados para su acceso \u00a0 \u00a0 \u00a0 PRINCIPIO DE SOLIDARIDAD-Financiaci\u00f3n de gastos de desplazamiento y hospedaje para facilitar acceso a servicios de salud que requiera y acompa\u00f1ante \u00a0 \u00a0 \u00a0 PRINCIPIO DE OFICIOSIDAD-Interpretaci\u00f3n extensiva del juez de tutela \u00a0 \u00a0 \u00a0 DERECHO A ...<br \/><div class=\"pt-cv-rmwrap\"><a href=\"https:\/\/www.dmsjuridica.com\/buscador_20179478954\/corteconstitucionalcronologico202454587\/t-389-12\/\" class=\"_self pt-cv-readmore btn btn-success\" target=\"_self\">Ver Sentencia Completa...<\/a><\/div><\/div><\/div><\/div>\n<div class=\"col-md-12 col-sm-12 col-xs-12 pt-cv-content-item pt-cv-1-col\" ><div class='pt-cv-ifield'><a href=\"https:\/\/www.dmsjuridica.com\/buscador_20179478954\/corteconstitucionalcronologico202454587\/t-388-12\/\" class=\"_self pt-cv-href-thumbnail pt-cv-thumb-default\" target=\"_self\" ><\/a>\n<div class=\"pt-cv-taxoterm above_title\"><a href='https:\/\/www.dmsjuridica.com\/buscador_20179478954\/corteconstitucionalcronologico202454587\/category\/buscar-en-toda-la-corte\/2012\/tutelas-2012\/' title='Tutelas 2012' class='pt-cv-tax-tutelas-2012'>Tutelas 2012<\/a><\/div>\n<h4 class=\"pt-cv-title\"><a href=\"https:\/\/www.dmsjuridica.com\/buscador_20179478954\/corteconstitucionalcronologico202454587\/t-388-12\/\" class=\"_self\" target=\"_self\" >T-388-12<\/a><\/h4>\n<div class=\"pt-cv-content\">\u00a0 \u00a0 Sentencia T-388\/12 \u00a0 AGENCIA OFICIOSA EN TUTELA-Legitimaci\u00f3n por activa \u00a0 \u00a0 \u00a0 AGENCIA OFICIOSA-Aplicaci\u00f3n \u00a0 \u00a0 \u00a0 AGENCIA OFICIOSA EN TUTELA-Prevalencia sustancial sobre las formas \u00a0 \u00a0 \u00a0 AGENCIA OFICIOSA DE PERSONA DE LA TERCERA EDAD-Sujeto\u00a0de especial protecci\u00f3n por su situaci\u00f3n de debilidad manifiesta \u00a0 \u00a0 \u00a0 CARENCIA ACTUAL DE OBJETO POR HECHO SUPERADO-Configuraci\u00f3n \u00a0 \u00a0 \u00a0 DERECHO A LA SALUD-Fundamental \u00a0 \u00a0 \u00a0 DERECHO A LA SALUD-Se\u00a0extiende al \u00e1mbito ps\u00edquico y afectivo de la persona \u00a0 \u00a0 \u00a0 DERECHO A LA SALUD-Justiciabilidad \u00a0 \u00a0 \u00a0 DERECHO A LA SALUD Y SERVICIOS INCLUIDOS Y EXCLUIDOS DEL POS-Procedencia de ...<br \/><div class=\"pt-cv-rmwrap\"><a href=\"https:\/\/www.dmsjuridica.com\/buscador_20179478954\/corteconstitucionalcronologico202454587\/t-388-12\/\" class=\"_self pt-cv-readmore btn btn-success\" target=\"_self\">Ver Sentencia Completa...<\/a><\/div><\/div><\/div><\/div>\n<div class=\"col-md-12 col-sm-12 col-xs-12 pt-cv-content-item pt-cv-1-col\" ><div class='pt-cv-ifield'><a href=\"https:\/\/www.dmsjuridica.com\/buscador_20179478954\/corteconstitucionalcronologico202454587\/t-387-12\/\" class=\"_self pt-cv-href-thumbnail pt-cv-thumb-default\" target=\"_self\" ><\/a>\n<div class=\"pt-cv-taxoterm above_title\"><a href='https:\/\/www.dmsjuridica.com\/buscador_20179478954\/corteconstitucionalcronologico202454587\/category\/buscar-en-toda-la-corte\/2012\/tutelas-2012\/' title='Tutelas 2012' class='pt-cv-tax-tutelas-2012'>Tutelas 2012<\/a><\/div>\n<h4 class=\"pt-cv-title\"><a href=\"https:\/\/www.dmsjuridica.com\/buscador_20179478954\/corteconstitucionalcronologico202454587\/t-387-12\/\" class=\"_self\" target=\"_self\" >T-387-12<\/a><\/h4>\n<div class=\"pt-cv-content\">\u00a0 \u00a0 Sentencia T-387\/12 \u00a0 PRINCIPIO DE IGUALDAD-Identidad de iguales y diferencia entre desiguales \u00a0 \u00a0 \u00a0 PRINCIPIO DE IGUALDAD-Objetivo y no formal \u00a0 \u00a0 \u00a0 IGUALDAD MATERIAL-Efectividad \u00a0 \u00a0 \u00a0 DERECHO A LA IGUALDAD-Criterios\u00a0de garant\u00eda \u00a0 \u00a0 \u00a0 ACCIONES AFIRMATIVAS-Definici\u00f3n \u00a0 \u00a0 \u00a0 ACCIONES AFIRMATIVAS-Especies \u00a0 \u00a0 \u00a0 RECICLADORES-Grupo beneficiario de acciones afirmativas \u00a0 \u00a0 \u00a0 GRUPO MARGINADO-Conformaci\u00f3n \u00a0 \u00a0 \u00a0 GRUPOS DESAVENTAJADOS Y GRUPOS OPRIMIDOS-Cualidades y condiciones \u00a0 \u00a0 \u00a0 \u00a0 \u00a0 RECICLADORES-Grupo discriminado y marginado frente al cual se deben realizar actuaciones positivas para mejorar sus condiciones de vida \u00a0 ACCIONES AFIRMATIVAS A FAVOR DE RECICLADORES-Reiteraci\u00f3n de ...<br \/><div class=\"pt-cv-rmwrap\"><a href=\"https:\/\/www.dmsjuridica.com\/buscador_20179478954\/corteconstitucionalcronologico202454587\/t-387-12\/\" class=\"_self pt-cv-readmore btn btn-success\" target=\"_self\">Ver Sentencia Completa...<\/a><\/div><\/div><\/div><\/div>\n<div class=\"col-md-12 col-sm-12 col-xs-12 pt-cv-content-item pt-cv-1-col\" ><div class='pt-cv-ifield'><a href=\"https:\/\/www.dmsjuridica.com\/buscador_20179478954\/corteconstitucionalcronologico202454587\/t-386-12\/\" class=\"_self pt-cv-href-thumbnail pt-cv-thumb-default\" target=\"_self\" ><\/a>\n<div class=\"pt-cv-taxoterm above_title\"><a href='https:\/\/www.dmsjuridica.com\/buscador_20179478954\/corteconstitucionalcronologico202454587\/category\/buscar-en-toda-la-corte\/2012\/tutelas-2012\/' title='Tutelas 2012' class='pt-cv-tax-tutelas-2012'>Tutelas 2012<\/a><\/div>\n<h4 class=\"pt-cv-title\"><a href=\"https:\/\/www.dmsjuridica.com\/buscador_20179478954\/corteconstitucionalcronologico202454587\/t-386-12\/\" class=\"_self\" target=\"_self\" >T-386-12<\/a><\/h4>\n<div class=\"pt-cv-content\">\u00a0 \u00a0 \u00a0Sentencia T-386\/12 \u00a0 ACCION DE TUTELA CONTRA PARTICULARES-Procedencia \u00a0 \u00a0 \u00a0 ACTIVIDAD FINANCIERA, BURSATIL Y ASEGURADORA-Declaradas de inter\u00e9s p\u00fablico \u00a0 \u00a0 \u00a0 ACTIVIDAD BANCARIA-Car\u00e1cter de servicio p\u00fablico \u00a0 \u00a0 \u00a0 PARTICULARES QUE PRESTAN SERVICIO BANCARIO O DE INTERMEDIACION FINANCIERA-Sujetos pasivos de la acci\u00f3n de tutela cuando vulneran derechos de los usuarios \u00a0 \u00a0 \u00a0 \u00a0 \u00a0 ACCION DE TUTELA PARA LA PROTECCION DE LOS DERECHOS FUNDAMENTALES DE LA POBLACION DESPLAZADA-Procedencia \u00a0 \u00a0 \u00a0 ACCION DE TUTELA CONTRA ENTIDAD BANCARIA-Procedencia \u00a0 \u00a0 \u00a0 ESTADO DE COSAS INCONSTITUCIONAL EN POBLACION DESPLAZADA-Declaraci\u00f3n en sentencia T-025\/04 \u00a0 \u00a0 \u00a0 POBLACION DESPLAZADA-Sujetos de ...<br \/><div class=\"pt-cv-rmwrap\"><a href=\"https:\/\/www.dmsjuridica.com\/buscador_20179478954\/corteconstitucionalcronologico202454587\/t-386-12\/\" class=\"_self pt-cv-readmore btn btn-success\" target=\"_self\">Ver Sentencia Completa...<\/a><\/div><\/div><\/div><\/div>\n<div class=\"col-md-12 col-sm-12 col-xs-12 pt-cv-content-item pt-cv-1-col\" ><div class='pt-cv-ifield'><a href=\"https:\/\/www.dmsjuridica.com\/buscador_20179478954\/corteconstitucionalcronologico202454587\/t-381-12\/\" class=\"_self pt-cv-href-thumbnail pt-cv-thumb-default\" target=\"_self\" ><\/a>\n<div class=\"pt-cv-taxoterm above_title\"><a href='https:\/\/www.dmsjuridica.com\/buscador_20179478954\/corteconstitucionalcronologico202454587\/category\/buscar-en-toda-la-corte\/2012\/tutelas-2012\/' title='Tutelas 2012' class='pt-cv-tax-tutelas-2012'>Tutelas 2012<\/a><\/div>\n<h4 class=\"pt-cv-title\"><a href=\"https:\/\/www.dmsjuridica.com\/buscador_20179478954\/corteconstitucionalcronologico202454587\/t-381-12\/\" class=\"_self\" target=\"_self\" >T-381-12<\/a><\/h4>\n<div class=\"pt-cv-content\">\u00a0 \u00a0 Sentencia T-381\/12 \u00a0 ACCION DE TUTELA-Procedencia excepcional\u00a0para resolver controversias relativas al reconocimiento de pensiones \u00a0 \u00a0 \u00a0 RECONOCIMIENTO Y PAGO DE PRESTACIONES SOCIALES EN MATERIA PENSIONAL-Competencia de jurisdicci\u00f3n ordinaria o contencioso administrativa \u00a0 \u00a0 \u00a0 ACTOS ADMINISTRATIVOS DE CONTENIDO PARTICULAR Y CONCRETO PARA MODIFICACION DE DERECHOS PENSIONALES-Revocatoria directa y suspensi\u00f3n \u00a0 \u00a0 \u00a0 REVOCATORIA DIRECTA DE ACTOS ADMINISTRATIVOS DE CONTENIDO PARTICULAR Y CONCRETO-Causales \u00a0 \u00a0 \u00a0 ACTOS ADMINISTRATIVOS DE CONTENIDO PARTICULAR Y CONCRETO-Irrevocables o inmutables \u00a0 \u00a0 \u00a0 ACTOS ADMINISTRATIVOS DE CONTENIDO PARTICULAR Y CONCRETO-Revocatoria por administraci\u00f3n sin el consentimiento del titular del derecho cuando se han proferido ...<br \/><div class=\"pt-cv-rmwrap\"><a href=\"https:\/\/www.dmsjuridica.com\/buscador_20179478954\/corteconstitucionalcronologico202454587\/t-381-12\/\" class=\"_self pt-cv-readmore btn btn-success\" target=\"_self\">Ver Sentencia Completa...<\/a><\/div><\/div><\/div><\/div>\n<div class=\"col-md-12 col-sm-12 col-xs-12 pt-cv-content-item pt-cv-1-col\" ><div class='pt-cv-ifield'><a href=\"https:\/\/www.dmsjuridica.com\/buscador_20179478954\/corteconstitucionalcronologico202454587\/t-380-12\/\" class=\"_self pt-cv-href-thumbnail pt-cv-thumb-default\" target=\"_self\" ><\/a>\n<div class=\"pt-cv-taxoterm above_title\"><a href='https:\/\/www.dmsjuridica.com\/buscador_20179478954\/corteconstitucionalcronologico202454587\/category\/buscar-en-toda-la-corte\/2012\/tutelas-2012\/' title='Tutelas 2012' class='pt-cv-tax-tutelas-2012'>Tutelas 2012<\/a><\/div>\n<h4 class=\"pt-cv-title\"><a href=\"https:\/\/www.dmsjuridica.com\/buscador_20179478954\/corteconstitucionalcronologico202454587\/t-380-12\/\" class=\"_self\" target=\"_self\" >T-380-12<\/a><\/h4>\n<div class=\"pt-cv-content\">\u00a0 \u00a0 \u00a0\u00a0 PROCEDENCIA DE LA ACCION DE TUTELA CONTRA PROVIDENCIAS JUDICIALES-Reiteraci\u00f3n de Jurisprudencia \u00a0 \u00a0 \u00a0 ACCION DE TUTELA CONTRA PROVIDENCIAS JUDICIALES-Causales gen\u00e9ricas de procedibilidad \u00a0 \u00a0 \u00a0 ACCION DE TUTELA CONTRA PROVIDENCIAS JUDICIALES-Requisitos generales de procedencia \u00a0 \u00a0 \u00a0 ACCION DE TUTELA CONTRA PROVIDENCIAS JUDICIALES-Causales espec\u00edficas de procedibilidad \u00a0 \u00a0 \u00a0 ACCION DE TUTELA DE COMPA\u00d1IA DE SEGUROS-Inexistencia de defecto f\u00e1ctico en proceso ejecutivo por cuanto compa\u00f1\u00edas de seguros no son personas jur\u00eddicas diferentes y son responsables solidarias del pago de p\u00f3lizas de seguro de vida \u00a0 \u00a0 \u00a0 Referencia: expediente T- 3.126.632 \u00a0 Acci\u00f3n de Tutela instaurada ...<br \/><div class=\"pt-cv-rmwrap\"><a href=\"https:\/\/www.dmsjuridica.com\/buscador_20179478954\/corteconstitucionalcronologico202454587\/t-380-12\/\" class=\"_self pt-cv-readmore btn btn-success\" target=\"_self\">Ver Sentencia Completa...<\/a><\/div><\/div><\/div><\/div>\n<div class=\"col-md-12 col-sm-12 col-xs-12 pt-cv-content-item pt-cv-1-col\" ><div class='pt-cv-ifield'><a href=\"https:\/\/www.dmsjuridica.com\/buscador_20179478954\/corteconstitucionalcronologico202454587\/t-379-12\/\" class=\"_self pt-cv-href-thumbnail pt-cv-thumb-default\" target=\"_self\" ><\/a>\n<div class=\"pt-cv-taxoterm above_title\"><a href='https:\/\/www.dmsjuridica.com\/buscador_20179478954\/corteconstitucionalcronologico202454587\/category\/buscar-en-toda-la-corte\/2012\/tutelas-2012\/' title='Tutelas 2012' class='pt-cv-tax-tutelas-2012'>Tutelas 2012<\/a><\/div>\n<h4 class=\"pt-cv-title\"><a href=\"https:\/\/www.dmsjuridica.com\/buscador_20179478954\/corteconstitucionalcronologico202454587\/t-379-12\/\" class=\"_self\" target=\"_self\" >T-379-12<\/a><\/h4>\n<div class=\"pt-cv-content\">\u00a0 \u00a0 Sentencia T-379\/12 \u00a0 DERECHO A LA SALUD-Reiteraci\u00f3n de jurisprudencia sobre car\u00e1cter fundamental y procedencia para su protecci\u00f3n \u00a0 DERECHO A LA SALUD-El transporte y la estad\u00eda como medio para acceder a un servicio\u00a0 \u00a0 TRANSPORTE Y ALOJAMIENTO EN EL SISTEMA DE SALUD Y SU NEXO CON EL PRINCIPIO DE INTEGRALIDAD-Subreglas jurisprudenciales \u00a0 DERECHO A LA SALUD-Orden a EPS asumir gastos de transporte y estad\u00eda en otra ciudad \u00a0 Referencia: expediente T-3325842 Acci\u00f3n de tutela instaurada por \u00a0Bertha Ruby Toro Toro en contra de CAPRECOM EPS y del Instituto Departamental de Salud de Nari\u00f1o. \u00a0 \u00a0 Magistrada Ponente:\u00a0 \u00a0 ...<br \/><div class=\"pt-cv-rmwrap\"><a href=\"https:\/\/www.dmsjuridica.com\/buscador_20179478954\/corteconstitucionalcronologico202454587\/t-379-12\/\" class=\"_self pt-cv-readmore btn btn-success\" target=\"_self\">Ver Sentencia Completa...<\/a><\/div><\/div><\/div><\/div>\n<div class=\"col-md-12 col-sm-12 col-xs-12 pt-cv-content-item pt-cv-1-col\" ><div class='pt-cv-ifield'><a href=\"https:\/\/www.dmsjuridica.com\/buscador_20179478954\/corteconstitucionalcronologico202454587\/t-378-12\/\" class=\"_self pt-cv-href-thumbnail pt-cv-thumb-default\" target=\"_self\" ><\/a>\n<div class=\"pt-cv-taxoterm above_title\"><a href='https:\/\/www.dmsjuridica.com\/buscador_20179478954\/corteconstitucionalcronologico202454587\/category\/buscar-en-toda-la-corte\/2012\/tutelas-2012\/' title='Tutelas 2012' class='pt-cv-tax-tutelas-2012'>Tutelas 2012<\/a><\/div>\n<h4 class=\"pt-cv-title\"><a href=\"https:\/\/www.dmsjuridica.com\/buscador_20179478954\/corteconstitucionalcronologico202454587\/t-378-12\/\" class=\"_self\" target=\"_self\" >T-378-12<\/a><\/h4>\n<div class=\"pt-cv-content\">\u00a0 \u00a0 Sentencia T-378\/12 \u00a0 ACCION DE TUTELA PARA RECONOCIMIENTO DE PENSION DE VEJEZ-Improcedencia por cuanto no se configura perjuicio irremediable \u00a0 La jurisprudencia de esta Corporaci\u00f3n ha indicado, como regla general, la improcedencia de la acci\u00f3n de tutela para el reconocimiento y reliquidaci\u00f3n de la pensi\u00f3n. No obstante, y seg\u00fan las circunstancias del caso, la Corte ha establecido la procedencia de la acci\u00f3n de tutela de manera excepcional cuando sea necesario para evitar un perjuicio irremediable, como la afectaci\u00f3n al m\u00ednimo vital, o cuando, a pesar de que existan los \u00a0mecanismos ordinarios de defensa judicial, estos no resulten id\u00f3neos ...<br \/><div class=\"pt-cv-rmwrap\"><a href=\"https:\/\/www.dmsjuridica.com\/buscador_20179478954\/corteconstitucionalcronologico202454587\/t-378-12\/\" class=\"_self pt-cv-readmore btn btn-success\" target=\"_self\">Ver Sentencia Completa...<\/a><\/div><\/div><\/div><\/div>\n<div class=\"col-md-12 col-sm-12 col-xs-12 pt-cv-content-item pt-cv-1-col\" ><div class='pt-cv-ifield'><a href=\"https:\/\/www.dmsjuridica.com\/buscador_20179478954\/corteconstitucionalcronologico202454587\/t-377-12\/\" class=\"_self pt-cv-href-thumbnail pt-cv-thumb-default\" target=\"_self\" ><\/a>\n<div class=\"pt-cv-taxoterm above_title\"><a href='https:\/\/www.dmsjuridica.com\/buscador_20179478954\/corteconstitucionalcronologico202454587\/category\/buscar-en-toda-la-corte\/2012\/tutelas-2012\/' title='Tutelas 2012' class='pt-cv-tax-tutelas-2012'>Tutelas 2012<\/a><\/div>\n<h4 class=\"pt-cv-title\"><a href=\"https:\/\/www.dmsjuridica.com\/buscador_20179478954\/corteconstitucionalcronologico202454587\/t-377-12\/\" class=\"_self\" target=\"_self\" >T-377-12<\/a><\/h4>\n<div class=\"pt-cv-content\">\u00a0 \u00a0 Sentencia T-377\/12 \u00a0 DERECHO A LA SALUD DE PERSONA PRIVADA DE LA LIBERTAD-Protecci\u00f3n\u00a0integral, continua y en condiciones de calidad por parte del Estado \u00a0 \u00a0 \u00a0 DERECHO A LA SALUD-Fundamental\u00a0aut\u00f3nomo \u00a0 \u00a0 \u00a0 DERECHO A LA SALUD-Acceso\u00a0a servicios que se requieren con necesidad est\u00e9n o no incluidos en el POS \u00a0 \u00a0 \u00a0 \u00a0 \u00a0 DERECHOS FUNDAMENTALES DEL INTERNO-Se encuentran suspendidos en raz\u00f3n de la pena de prisi\u00f3n \u00a0 \u00a0 \u00a0 SISTEMA GENERAL DE SEGURIDAD SOCIAL EN SALUD-Obligaci\u00f3n estatal de afiliar a internos al r\u00e9gimen subsidiado de seguridad social en salud seg\u00fan Decreto 1141\/09 \u00a0 \u00a0 \u00a0 TRASLADO ...<br \/><div class=\"pt-cv-rmwrap\"><a href=\"https:\/\/www.dmsjuridica.com\/buscador_20179478954\/corteconstitucionalcronologico202454587\/t-377-12\/\" class=\"_self pt-cv-readmore btn btn-success\" target=\"_self\">Ver Sentencia Completa...<\/a><\/div><\/div><\/div><\/div>\n<div class=\"col-md-12 col-sm-12 col-xs-12 pt-cv-content-item pt-cv-1-col\" ><div class='pt-cv-ifield'><a href=\"https:\/\/www.dmsjuridica.com\/buscador_20179478954\/corteconstitucionalcronologico202454587\/t-376-12\/\" class=\"_self pt-cv-href-thumbnail pt-cv-thumb-default\" target=\"_self\" ><\/a>\n<div class=\"pt-cv-taxoterm above_title\"><a href='https:\/\/www.dmsjuridica.com\/buscador_20179478954\/corteconstitucionalcronologico202454587\/category\/buscar-en-toda-la-corte\/2012\/tutelas-2012\/' title='Tutelas 2012' class='pt-cv-tax-tutelas-2012'>Tutelas 2012<\/a><\/div>\n<h4 class=\"pt-cv-title\"><a href=\"https:\/\/www.dmsjuridica.com\/buscador_20179478954\/corteconstitucionalcronologico202454587\/t-376-12\/\" class=\"_self\" target=\"_self\" >T-376-12<\/a><\/h4>\n<div class=\"pt-cv-content\">\u00a0 \u00a0 Sentencia T-376\/12 \u00a0 DERECHO FUNDAMENTAL A LA CONSULTA PREVIA-Fundamentos\u00a0normativos \u00a0 PUEBLOS INDIGENAS Y COMUNIDADES NEGRAS, AFRODESCENDIENTES O AFROCOLOMBIANAS-Titulares de derechos fundamentales y sujetos de especial protecci\u00c3\u00b3n constitucional \u00a0 DIVERSIDAD Y AUTONOMIA-Elemento imprescindible para adecuada interpretaci\u00c3\u00b3n y aplicaci\u00c3\u00b3n de normas y principios para protecci\u00c3\u00b3n, respeto y garant\u00c3\u00ada de derechos de comunidades cultural o \u00c3\u00a9tnicamente diversas \u00a0 CONVENIO 169 DE LA OIT Y BLOQUE DE CONSTITUCIONALIDAD-Fundamento del derecho a la consulta previa \u00a0 DECLARACION DE LAS NACIONES UNIDAS SOBRE DERECHOS DE PUEBLOS INDIGENAS-Ejes centrales \u00a0 DECLARACION DE LAS NACIONES UNIDAS SOBRE DERECHOS DE PUEBLOS INDIGENAS-Refuerza el deber de consulta \u00a0 ...<br \/><div class=\"pt-cv-rmwrap\"><a href=\"https:\/\/www.dmsjuridica.com\/buscador_20179478954\/corteconstitucionalcronologico202454587\/t-376-12\/\" class=\"_self pt-cv-readmore btn btn-success\" target=\"_self\">Ver Sentencia Completa...<\/a><\/div><\/div><\/div><\/div>\n<div class=\"col-md-12 col-sm-12 col-xs-12 pt-cv-content-item pt-cv-1-col\" ><div class='pt-cv-ifield'><a href=\"https:\/\/www.dmsjuridica.com\/buscador_20179478954\/corteconstitucionalcronologico202454587\/t-375-12\/\" class=\"_self pt-cv-href-thumbnail pt-cv-thumb-default\" target=\"_self\" ><\/a>\n<div class=\"pt-cv-taxoterm above_title\"><a href='https:\/\/www.dmsjuridica.com\/buscador_20179478954\/corteconstitucionalcronologico202454587\/category\/buscar-en-toda-la-corte\/2012\/tutelas-2012\/' title='Tutelas 2012' class='pt-cv-tax-tutelas-2012'>Tutelas 2012<\/a><\/div>\n<h4 class=\"pt-cv-title\"><a href=\"https:\/\/www.dmsjuridica.com\/buscador_20179478954\/corteconstitucionalcronologico202454587\/t-375-12\/\" class=\"_self\" target=\"_self\" >T-375-12<\/a><\/h4>\n<div class=\"pt-cv-content\">\u00a0 \u00a0 Sentencia T-375\/12 \u00a0 DERECHO A LA SALUD-Acceso\u00a0a servicios que se requieren con necesidad est\u00e9n o no incluidos en el POS \u00a0 \u00a0 \u00a0 ACCESO A SERVICIOS MEDICOS NO CONTEMPLADOS EN EL PLAN OBLIGATORIO DE SALUD-Presupuestos jurisprudenciales \u00a0 \u00a0 \u00a0 DERECHO A LA SALUD-Asunci\u00f3n\u00a0por EPS de transporte y estad\u00eda para acceder a servicios de salud de usuarios remitidos a un municipio diferente al de residencia por falta de capacidad econ\u00f3mica \u00a0 \u00a0 \u00a0 ACCION DE TUTELA DE AFILIADA AL REGIMEN SUBSIDIADO SISBEN CONTRA EPS-Autorizaci\u00f3n para intervenci\u00f3n quir\u00fargica de mamoplastia reductora prescrita por m\u00e9dico tratante adscrito y suministro de servicios ...<br \/><div class=\"pt-cv-rmwrap\"><a href=\"https:\/\/www.dmsjuridica.com\/buscador_20179478954\/corteconstitucionalcronologico202454587\/t-375-12\/\" class=\"_self pt-cv-readmore btn btn-success\" target=\"_self\">Ver Sentencia Completa...<\/a><\/div><\/div><\/div><\/div>\n<div class=\"col-md-12 col-sm-12 col-xs-12 pt-cv-content-item pt-cv-1-col\" ><div class='pt-cv-ifield'><a href=\"https:\/\/www.dmsjuridica.com\/buscador_20179478954\/corteconstitucionalcronologico202454587\/t-374-12\/\" class=\"_self pt-cv-href-thumbnail pt-cv-thumb-default\" target=\"_self\" ><\/a>\n<div class=\"pt-cv-taxoterm above_title\"><a href='https:\/\/www.dmsjuridica.com\/buscador_20179478954\/corteconstitucionalcronologico202454587\/category\/buscar-en-toda-la-corte\/2012\/tutelas-2012\/' title='Tutelas 2012' class='pt-cv-tax-tutelas-2012'>Tutelas 2012<\/a><\/div>\n<h4 class=\"pt-cv-title\"><a href=\"https:\/\/www.dmsjuridica.com\/buscador_20179478954\/corteconstitucionalcronologico202454587\/t-374-12\/\" class=\"_self\" target=\"_self\" >T-374-12<\/a><\/h4>\n<div class=\"pt-cv-content\">\u00a0 \u00a0 Sentencia T-374\/12 \u00a0 DERECHO A LA INDEXACION DEL SALARIO BASE PARA CALCULO DE LA PRIMERA MESADA PENSIONAL Y DERECHO A LA INDEXACION DE LA PRIMERA MESADA PENSIONAL-Reiteraci\u00f3n de jurisprudencia \u00a0 \u00a0 \u00a0 DERECHO A MANTENER EL PODER ADQUISITIVO DE LA MESADA PENSIONAL-Protecci\u00f3n \u00a0 \u00a0 \u00a0 DERECHO A MANTENER EL PODER ADQUISITIVO DE LA MESADA PENSIONAL-Fundamento\u00a0y alcance \u00a0 \u00a0 \u00a0 DERECHO A LA INDEXACION DEL SALARIO BASE PARA LIQUIDACION DE LA PENSION DE VEJEZ-Fundamental \u00a0 \u00a0 \u00a0 DERECHO A LA INDEXACION DE LA PRIMERA MESADA PENSIONAL Y DERECHO AL MINIMO VITAL-Relaci\u00f3n directa \u00a0 \u00a0 \u00a0 DERECHO A MANTENER EL ...<br \/><div class=\"pt-cv-rmwrap\"><a href=\"https:\/\/www.dmsjuridica.com\/buscador_20179478954\/corteconstitucionalcronologico202454587\/t-374-12\/\" class=\"_self pt-cv-readmore btn btn-success\" target=\"_self\">Ver Sentencia Completa...<\/a><\/div><\/div><\/div><\/div>\n<div class=\"col-md-12 col-sm-12 col-xs-12 pt-cv-content-item pt-cv-1-col\" ><div class='pt-cv-ifield'><a href=\"https:\/\/www.dmsjuridica.com\/buscador_20179478954\/corteconstitucionalcronologico202454587\/t-373-12\/\" class=\"_self pt-cv-href-thumbnail pt-cv-thumb-default\" target=\"_self\" ><\/a>\n<div class=\"pt-cv-taxoterm above_title\"><a href='https:\/\/www.dmsjuridica.com\/buscador_20179478954\/corteconstitucionalcronologico202454587\/category\/buscar-en-toda-la-corte\/2012\/tutelas-2012\/' title='Tutelas 2012' class='pt-cv-tax-tutelas-2012'>Tutelas 2012<\/a><\/div>\n<h4 class=\"pt-cv-title\"><a href=\"https:\/\/www.dmsjuridica.com\/buscador_20179478954\/corteconstitucionalcronologico202454587\/t-373-12\/\" class=\"_self\" target=\"_self\" >T-373-12<\/a><\/h4>\n<div class=\"pt-cv-content\">\u00a0 \u00a0 \u00a0Sentencia T-373\/12 \u00a0 LEGITIMACION EN LA CAUSA POR ACTIVA-Personer\u00eda municipal \u00a0 \u00a0 \u00a0 DERECHO A LA SALUD-Fundamental\u00a0aut\u00f3nomo \u00a0 \u00a0 \u00a0 ACCION DE TUTELA PARA EL SUMINISTRO DE PRESTACIONES EXCLUIDAS DEL POS-Procedencia \u00a0 \u00a0 \u00a0 SEGURIDAD SOCIAL-Derecho irrenunciable y servicio p\u00fablico de car\u00e1cter obligatorio\u00a0 \u00a0 DERECHO A LA SALUD-Acceso\u00a0a servicios que se requieran por conexidad con la vida digna e integridad personal \u00a0 \u00a0 \u00a0 DERECHO A LA SALUD-Condiciones\u00a0para la prestaci\u00f3n de servicio m\u00e9dico no incluido en el POS \u00a0 \u00a0 \u00a0 DERECHO AL DIAGNOSTICO-Concepto del m\u00e9dico tratante adscrito a EPS no es absoluto \u00a0 \u00a0 \u00a0 DERECHO AL ...<br \/><div class=\"pt-cv-rmwrap\"><a href=\"https:\/\/www.dmsjuridica.com\/buscador_20179478954\/corteconstitucionalcronologico202454587\/t-373-12\/\" class=\"_self pt-cv-readmore btn btn-success\" target=\"_self\">Ver Sentencia Completa...<\/a><\/div><\/div><\/div><\/div>\n<div class=\"col-md-12 col-sm-12 col-xs-12 pt-cv-content-item pt-cv-1-col\" ><div class='pt-cv-ifield'><a href=\"https:\/\/www.dmsjuridica.com\/buscador_20179478954\/corteconstitucionalcronologico202454587\/t-372-12\/\" class=\"_self pt-cv-href-thumbnail pt-cv-thumb-default\" target=\"_self\" ><\/a>\n<div class=\"pt-cv-taxoterm above_title\"><a href='https:\/\/www.dmsjuridica.com\/buscador_20179478954\/corteconstitucionalcronologico202454587\/category\/buscar-en-toda-la-corte\/2012\/tutelas-2012\/' title='Tutelas 2012' class='pt-cv-tax-tutelas-2012'>Tutelas 2012<\/a><\/div>\n<h4 class=\"pt-cv-title\"><a href=\"https:\/\/www.dmsjuridica.com\/buscador_20179478954\/corteconstitucionalcronologico202454587\/t-372-12\/\" class=\"_self\" target=\"_self\" >T-372-12<\/a><\/h4>\n<div class=\"pt-cv-content\">\u00a0 \u00a0 Sentencia T-372\/12 \u00a0 CARGO DE LIBRE NOMBRAMIENTO Y REMOCION-Naturaleza\/CARGO DE LIBRE NOMBRAMIENTO Y REMOCION-L\u00edmites al ejercicio de facultad discrecional que tiene el nominador para disponer de plazas \u00a0 \u00a0 \u00a0 CARRERA ADMINISTRATIVA PARA PROVEER EMPLEOS PUBLICOS-Regla general\/CARRERA ADMINISTRATIVA PARA PROVEER EMPLEOS PUBLICOS-Excepci\u00f3n de cargo de libre nombramiento y remoci\u00f3n debe ser creado y definido por la ley \u00a0 \u00a0 \u00a0 FISCALIA GENERAL DE LA NACION-Forma\u00a0parte de la rama judicial y goza de autonom\u00eda administrativa y presupuestal \u00a0 \u00a0 \u00a0 FISCALIA GENERAL DE LA NACION-Facultad\u00a0discrecional\u00a0en retiro de empleados de libre nombramiento y remoci\u00f3n \u00a0 \u00a0 \u00a0 FACULTAD DISCRECIONAL DE ...<br \/><div class=\"pt-cv-rmwrap\"><a href=\"https:\/\/www.dmsjuridica.com\/buscador_20179478954\/corteconstitucionalcronologico202454587\/t-372-12\/\" class=\"_self pt-cv-readmore btn btn-success\" target=\"_self\">Ver Sentencia Completa...<\/a><\/div><\/div><\/div><\/div>\n<div class=\"col-md-12 col-sm-12 col-xs-12 pt-cv-content-item pt-cv-1-col\" ><div class='pt-cv-ifield'><a href=\"https:\/\/www.dmsjuridica.com\/buscador_20179478954\/corteconstitucionalcronologico202454587\/t-362-12\/\" class=\"_self pt-cv-href-thumbnail pt-cv-thumb-default\" target=\"_self\" ><\/a>\n<div class=\"pt-cv-taxoterm above_title\"><a href='https:\/\/www.dmsjuridica.com\/buscador_20179478954\/corteconstitucionalcronologico202454587\/category\/buscar-en-toda-la-corte\/2012\/tutelas-2012\/' title='Tutelas 2012' class='pt-cv-tax-tutelas-2012'>Tutelas 2012<\/a><\/div>\n<h4 class=\"pt-cv-title\"><a href=\"https:\/\/www.dmsjuridica.com\/buscador_20179478954\/corteconstitucionalcronologico202454587\/t-362-12\/\" class=\"_self\" target=\"_self\" >T-362-12<\/a><\/h4>\n<div class=\"pt-cv-content\">\u00a0 \u00a0 Sentencia T-362\/12\u00a0 \u00a0 ACCION DE TUTELA CONTRA ACTOS ADMINISTRATIVOS-Procedencia excepcional como mecanismo transitorio para evitar un perjuicio irremediable \u00a0 \u00a0 \u00a0 ACCION DE TUTELA DE PATRULLERO CONTRA LA POLICIA NACIONAL-Sujeto\u00a0de especial protecci\u00f3n v\u00edctima de ataque con arma de fuego en desarrollo de actividades propias del servicio \u00a0 \u00a0 \u00a0 MOTIVACION DE DECISIONES EN MATERIA DE DERECHOS EN LA POLICIA NACIONAL-Procedencia\u00a0de la\u00a0acci\u00f3n de tutela \u00a0 \u00a0 \u00a0 DEBER DE MOTIVACION DE ACTOS ADMINISTRATIVOS-Fundamentaci\u00f3n \u00a0 \u00a0 \u00a0 PROTECCION A LA ESTABILIDAD LABORAL DE PERSONAS DISCAPACITADAS EN EL REGIMEN PRESTACIONAL DE LA POLICIA NACIONAL-Alcance \u00a0 \u00a0 \u00a0 INCAPACIDAD Y PERMANENCIA LABORAL ...<br \/><div class=\"pt-cv-rmwrap\"><a href=\"https:\/\/www.dmsjuridica.com\/buscador_20179478954\/corteconstitucionalcronologico202454587\/t-362-12\/\" class=\"_self pt-cv-readmore btn btn-success\" target=\"_self\">Ver Sentencia Completa...<\/a><\/div><\/div><\/div><\/div>\n<div class=\"col-md-12 col-sm-12 col-xs-12 pt-cv-content-item pt-cv-1-col\" ><div class='pt-cv-ifield'><a href=\"https:\/\/www.dmsjuridica.com\/buscador_20179478954\/corteconstitucionalcronologico202454587\/t-361-12\/\" class=\"_self pt-cv-href-thumbnail pt-cv-thumb-default\" target=\"_self\" ><\/a>\n<div class=\"pt-cv-taxoterm above_title\"><a href='https:\/\/www.dmsjuridica.com\/buscador_20179478954\/corteconstitucionalcronologico202454587\/category\/buscar-en-toda-la-corte\/2012\/tutelas-2012\/' title='Tutelas 2012' class='pt-cv-tax-tutelas-2012'>Tutelas 2012<\/a><\/div>\n<h4 class=\"pt-cv-title\"><a href=\"https:\/\/www.dmsjuridica.com\/buscador_20179478954\/corteconstitucionalcronologico202454587\/t-361-12\/\" class=\"_self\" target=\"_self\" >T-361-12<\/a><\/h4>\n<div class=\"pt-cv-content\">\u00a0 \u00a0 \u00a0Sentencia T-361\/12 \u00a0 ACCION DE TUTELA PARA RECLAMAR PENSION DE SOBREVIVIENTES YA RECONOCIDA-Procedencia excepcional \u00a0 \u00a0 \u00a0 ADULTO MAYOR EN CONDICION DE DISCAPACIDAD-Sujeto de especial protecci\u00f3n constitucional \u00a0 \u00a0 \u00a0 DERECHO AL MINIMO VITALY DIGNIDAD HUMANA DE PERSONA DE LA TERCERA CON ENFERMEDAD DEGENERATIVA-Vulneraci\u00f3n cuando ya se ha reconocido el derecho a la pensi\u00f3n de sobrevivientes \u00a0 \u00a0 \u00a0 SISTEMA DE SEGURIDAD SOCIAL EN PENSIONES Y PRINCIPIO DE SOLIDARIDAD-R\u00e9gimen de prima media con prestaci\u00f3n definida y\u00a0r\u00e9gimen\u00a0de ahorro individual con solidaridad \u00a0 \u00a0 \u00a0 PENSION DE SOBREVIVIENTES-R\u00e9gimen solidario de prima media y r\u00e9gimen de ahorro individual con solidaridad \u00a0 ...<br \/><div class=\"pt-cv-rmwrap\"><a href=\"https:\/\/www.dmsjuridica.com\/buscador_20179478954\/corteconstitucionalcronologico202454587\/t-361-12\/\" class=\"_self pt-cv-readmore btn btn-success\" target=\"_self\">Ver Sentencia Completa...<\/a><\/div><\/div><\/div><\/div>\n<div class=\"col-md-12 col-sm-12 col-xs-12 pt-cv-content-item pt-cv-1-col\" ><div class='pt-cv-ifield'><a href=\"https:\/\/www.dmsjuridica.com\/buscador_20179478954\/corteconstitucionalcronologico202454587\/t-360-12\/\" class=\"_self pt-cv-href-thumbnail pt-cv-thumb-default\" target=\"_self\" ><\/a>\n<div class=\"pt-cv-taxoterm above_title\"><a href='https:\/\/www.dmsjuridica.com\/buscador_20179478954\/corteconstitucionalcronologico202454587\/category\/buscar-en-toda-la-corte\/2012\/tutelas-2012\/' title='Tutelas 2012' class='pt-cv-tax-tutelas-2012'>Tutelas 2012<\/a><\/div>\n<h4 class=\"pt-cv-title\"><a href=\"https:\/\/www.dmsjuridica.com\/buscador_20179478954\/corteconstitucionalcronologico202454587\/t-360-12\/\" class=\"_self\" target=\"_self\" >T-360-12<\/a><\/h4>\n<div class=\"pt-cv-content\">\u00a0 \u00a0 Sentencia T-360\/12 \u00a0 ACCION DE TUTELA PARA RECONOCIMIENTO DE PRESTACIONES SOCIALES EN MATERIA PENSIONAL-Procedencia excepcional \u00a0 \u00a0 \u00a0 ACCION DE TUTELA DE SUJETOS DE ESPECIAL PROTECCION-Procedencia \u00a0 \u00a0 \u00a0 DERECHO AL DEBIDO PROCESO EN RECONOCIMIENTO DE LA PENSION DE VEJEZ-Reiteraci\u00f3n de jurisprudencia \u00a0 \u00a0 \u00a0 DEFECTO SUSTANCIAL O MATERIAL-Configuraci\u00f3n \u00a0 \u00a0 \u00a0 ACTO ADMINISTRATIVO EN MATERIA PENSIONAL-V\u00eda de hecho \u00a0 \u00a0 \u00a0 DERECHO AL DEBIDO PROCESO Y SEGURIDAD SOCIAL EN RECONOCIMIENTO DE LA PENSION DE VEJEZ-Vulneraci\u00f3n cuando se inaplican normas del r\u00e9gimen que ampara a beneficiario de la transici\u00f3n \u00a0 \u00a0 \u00a0 REGIMEN DE TRANSICION PREVISTO EN EL ...<br \/><div class=\"pt-cv-rmwrap\"><a href=\"https:\/\/www.dmsjuridica.com\/buscador_20179478954\/corteconstitucionalcronologico202454587\/t-360-12\/\" class=\"_self pt-cv-readmore btn btn-success\" target=\"_self\">Ver Sentencia Completa...<\/a><\/div><\/div><\/div><\/div>\n<div class=\"col-md-12 col-sm-12 col-xs-12 pt-cv-content-item pt-cv-1-col\" ><div class='pt-cv-ifield'><a href=\"https:\/\/www.dmsjuridica.com\/buscador_20179478954\/corteconstitucionalcronologico202454587\/t-359-12\/\" class=\"_self pt-cv-href-thumbnail pt-cv-thumb-default\" target=\"_self\" ><\/a>\n<div class=\"pt-cv-taxoterm above_title\"><a href='https:\/\/www.dmsjuridica.com\/buscador_20179478954\/corteconstitucionalcronologico202454587\/category\/buscar-en-toda-la-corte\/2012\/tutelas-2012\/' title='Tutelas 2012' class='pt-cv-tax-tutelas-2012'>Tutelas 2012<\/a><\/div>\n<h4 class=\"pt-cv-title\"><a href=\"https:\/\/www.dmsjuridica.com\/buscador_20179478954\/corteconstitucionalcronologico202454587\/t-359-12\/\" class=\"_self\" target=\"_self\" >T-359-12<\/a><\/h4>\n<div class=\"pt-cv-content\">\u00a0 \u00a0 Sentencia T-359\/12 \u00a0 DERECHO A LA SALUD-Fundamental\u00a0aut\u00f3nomo \u00a0 \u00a0 \u00a0 DERECHO A LA SALUD-Protecci\u00f3n\u00a0mediante acci\u00f3n de tutela \u00a0 \u00a0 \u00a0 ENTIDAD PROMOTORA DE SERVICIOS DE SALUD DEL REGIMEN SUBSIDIADO-Prestaci\u00f3n de servicios no incluidos en el POS \u00a0 \u00a0 \u00a0 REGIMEN CONTRIBUTIVO Y SUBSIDIADO-Afiliaci\u00f3n obligatoria \u00a0 \u00a0 \u00a0 SERVICIO PUBLICO DE SALUD-Principios \u00a0 \u00a0 \u00a0 SERVICIO PUBLICO DE SALUD-Obligaci\u00f3n de todas las entidades de permitir el acceso a personas de escasos recursos \u00a0 \u00a0 \u00a0 CONSEJO NACIONAL DE SEGURIDAD SOCIAL EN SALUD-Prestaci\u00f3n de servicio no cubierto por el POS de afiliado del r\u00e9gimen subsidiado que no cuenta con capacidad ...<br \/><div class=\"pt-cv-rmwrap\"><a href=\"https:\/\/www.dmsjuridica.com\/buscador_20179478954\/corteconstitucionalcronologico202454587\/t-359-12\/\" class=\"_self pt-cv-readmore btn btn-success\" target=\"_self\">Ver Sentencia Completa...<\/a><\/div><\/div><\/div><\/div>\n<div class=\"col-md-12 col-sm-12 col-xs-12 pt-cv-content-item pt-cv-1-col\" ><div class='pt-cv-ifield'><a href=\"https:\/\/www.dmsjuridica.com\/buscador_20179478954\/corteconstitucionalcronologico202454587\/t-358-12\/\" class=\"_self pt-cv-href-thumbnail pt-cv-thumb-default\" target=\"_self\" ><\/a>\n<div class=\"pt-cv-taxoterm above_title\"><a href='https:\/\/www.dmsjuridica.com\/buscador_20179478954\/corteconstitucionalcronologico202454587\/category\/buscar-en-toda-la-corte\/2012\/tutelas-2012\/' title='Tutelas 2012' class='pt-cv-tax-tutelas-2012'>Tutelas 2012<\/a><\/div>\n<h4 class=\"pt-cv-title\"><a href=\"https:\/\/www.dmsjuridica.com\/buscador_20179478954\/corteconstitucionalcronologico202454587\/t-358-12\/\" class=\"_self\" target=\"_self\" >T-358-12<\/a><\/h4>\n<div class=\"pt-cv-content\">\u00a0 \u00a0 \u00a0\u00a0 Sentencia T-358\/12 \u00a0 DERECHO AL DEBIDO PROCESO EN PROCESO DE NULIDAD Y RESTABLECIMIENTO DEL DERECHO-Niega nulidad de notificaci\u00f3n por edicto por cuanto cumpli\u00f3 con el art\u00edculo 323 del C\u00f3digo de Procedimiento Civil \u00a0 \u00a0 \u00a0 ACCION DE TUTELA CONTRA PROVIDENCIAS JUDICIALES-Procedencia excepcional \u00a0 \u00a0 \u00a0 ACCION DE TUTELA CONTRA PROVIDENCIAS JUDICIALES-Causales generales de procedencia \u00a0 ACCION DE TUTELA CONTRA PROVIDENCIAS JUDICIALES-Causales espec\u00edficas de procedibilidad \u00a0 \u00a0 \u00a0 ACCION DE TUTELA CONTRA PROVIDENCIAS JUDICIALES-Defecto sustantivo \u00a0 DEFECTO SUSTANTIVO-Configuraci\u00f3n \u00a0 \u00a0 \u00a0 NOTIFICACION-Elemento fundamental del derecho al debido proceso \u00a0 \u00a0 \u00a0 NOTIFICACION DE SENTENCIAS-Requisitos sustanciales seg\u00fan Consejo de ...<br \/><div class=\"pt-cv-rmwrap\"><a href=\"https:\/\/www.dmsjuridica.com\/buscador_20179478954\/corteconstitucionalcronologico202454587\/t-358-12\/\" class=\"_self pt-cv-readmore btn btn-success\" target=\"_self\">Ver Sentencia Completa...<\/a><\/div><\/div><\/div><\/div>\n<div class=\"col-md-12 col-sm-12 col-xs-12 pt-cv-content-item pt-cv-1-col\" ><div class='pt-cv-ifield'><a href=\"https:\/\/www.dmsjuridica.com\/buscador_20179478954\/corteconstitucionalcronologico202454587\/t-357-12\/\" class=\"_self pt-cv-href-thumbnail pt-cv-thumb-default\" target=\"_self\" ><\/a>\n<div class=\"pt-cv-taxoterm above_title\"><a href='https:\/\/www.dmsjuridica.com\/buscador_20179478954\/corteconstitucionalcronologico202454587\/category\/buscar-en-toda-la-corte\/2012\/tutelas-2012\/' title='Tutelas 2012' class='pt-cv-tax-tutelas-2012'>Tutelas 2012<\/a><\/div>\n<h4 class=\"pt-cv-title\"><a href=\"https:\/\/www.dmsjuridica.com\/buscador_20179478954\/corteconstitucionalcronologico202454587\/t-357-12\/\" class=\"_self\" target=\"_self\" >T-357-12<\/a><\/h4>\n<div class=\"pt-cv-content\">\u00a0 \u00a0 Sentencia T-357\/12 \u00a0 DERECHO A LA OBJECION DE CONCIENCIA-Prestaci\u00f3n de servicio militar obligatorio \u00a0 \u00a0 \u00a0 OBJECION DE CONCIENCIA AL SERVICIO MILITAR OBLIGATORIO-Ejercicio no requiere desarrollo legislativo espec\u00edfico seg\u00fan sentencia C-728\/09 \u00a0 \u00a0 \u00a0 OBJECION DE CONCIENCIA FRENTE A LA PRESTACION DEL SERVICIO MILITAR OBLIGATORIO-No excusa a autoridades castrenses y judiciales de tramitar solicitud de exenci\u00f3n \u00a0 \u00a0 \u00a0 OBJECION DE CONCIENCIA AL SERVICIO MILITAR OBLIGATORIO-Procedencia de la acci\u00f3n de tutela a no ser obligados a actuar en contra de sus convicciones \u00a0 \u00a0 \u00a0 JUEZ DE TUTELA-Necesidad de practicar pruebas \u00a0 \u00a0 \u00a0 OBJECION DE CONCIENCIA FRENTE ...<br \/><div class=\"pt-cv-rmwrap\"><a href=\"https:\/\/www.dmsjuridica.com\/buscador_20179478954\/corteconstitucionalcronologico202454587\/t-357-12\/\" class=\"_self pt-cv-readmore btn btn-success\" target=\"_self\">Ver Sentencia Completa...<\/a><\/div><\/div><\/div><\/div>\n<div class=\"col-md-12 col-sm-12 col-xs-12 pt-cv-content-item pt-cv-1-col\" ><div class='pt-cv-ifield'><a href=\"https:\/\/www.dmsjuridica.com\/buscador_20179478954\/corteconstitucionalcronologico202454587\/t-356-12\/\" class=\"_self pt-cv-href-thumbnail pt-cv-thumb-default\" target=\"_self\" ><\/a>\n<div class=\"pt-cv-taxoterm above_title\"><a href='https:\/\/www.dmsjuridica.com\/buscador_20179478954\/corteconstitucionalcronologico202454587\/category\/buscar-en-toda-la-corte\/2012\/tutelas-2012\/' title='Tutelas 2012' class='pt-cv-tax-tutelas-2012'>Tutelas 2012<\/a><\/div>\n<h4 class=\"pt-cv-title\"><a href=\"https:\/\/www.dmsjuridica.com\/buscador_20179478954\/corteconstitucionalcronologico202454587\/t-356-12\/\" class=\"_self\" target=\"_self\" >T-356-12<\/a><\/h4>\n<div class=\"pt-cv-content\">\u00a0 \u00a0 Sentencia T-356\/12\u00a0 \u00a0 ACCION DE TUTELA PARA RECONOCIMIENTO DE INDEXACION DE LA PRIMERA MESADA PENSIONAL-Procedencia excepcional \u00a0 \u00a0 \u00a0 ACCION DE TUTELA PARA RECONOCIMIENTO DE INDEXACION DE LA PRIMERA MESADA PENSIONAL-Derecho a mantener el poder adquisitivo \u00a0 \u00a0 \u00a0 ACCION DE TUTELA PARA RECONOCIMIENTO DE INDEXACION DE LA PRIMERA MESADA PENSIONAL Y DERECHO A MANTENER EL PODER ADQUISITIVO DE LA PENSION-Requisitos \u00a0 \u00a0 \u00a0 ACTUALIZACION DE LA PENSION E INDEXACION DE LA PRIMERA MESADA PENSIONAL-Fundamental \u00a0 \u00a0 \u00a0 DERECHO A MANTENER EL PODER ADQUISITIVO DE LA PENSION-Pago\u00a0oportuno y reajuste peri\u00f3dico \u00a0 \u00a0 \u00a0 PRINCIPIO DE UNIDAD DE LA ...<br \/><div class=\"pt-cv-rmwrap\"><a href=\"https:\/\/www.dmsjuridica.com\/buscador_20179478954\/corteconstitucionalcronologico202454587\/t-356-12\/\" class=\"_self pt-cv-readmore btn btn-success\" target=\"_self\">Ver Sentencia Completa...<\/a><\/div><\/div><\/div><\/div>\n<div class=\"col-md-12 col-sm-12 col-xs-12 pt-cv-content-item pt-cv-1-col\" ><div class='pt-cv-ifield'><a href=\"https:\/\/www.dmsjuridica.com\/buscador_20179478954\/corteconstitucionalcronologico202454587\/t-355-12\/\" class=\"_self pt-cv-href-thumbnail pt-cv-thumb-default\" target=\"_self\" ><\/a>\n<div class=\"pt-cv-taxoterm above_title\"><a href='https:\/\/www.dmsjuridica.com\/buscador_20179478954\/corteconstitucionalcronologico202454587\/category\/buscar-en-toda-la-corte\/2012\/tutelas-2012\/' title='Tutelas 2012' class='pt-cv-tax-tutelas-2012'>Tutelas 2012<\/a><\/div>\n<h4 class=\"pt-cv-title\"><a href=\"https:\/\/www.dmsjuridica.com\/buscador_20179478954\/corteconstitucionalcronologico202454587\/t-355-12\/\" class=\"_self\" target=\"_self\" >T-355-12<\/a><\/h4>\n<div class=\"pt-cv-content\">\u00a0 \u00a0 Sentencia T-355\/12 \u00a0 \u00a0 \u00a0 DERECHO A LA SALUD-Fundamental\u00a0con referencia la salud ps\u00edquica \u00a0 \u00a0 \u00a0 DERECHO A LA SALUD-Fundamental\u00a0aut\u00f3nomo \u00a0 \u00a0 \u00a0 DERECHO A LA SALUD-Protecci\u00f3n\u00a0mediante acci\u00f3n de tutela \u00a0 \u00a0 \u00a0 DERECHO A LA SALUD-Exigibilidad\u00a0de medicamentos, procedimientos y servicios no incluidos en el POS \u00a0 \u00a0 \u00a0 ACCION DE TUTELA PARA ORDENAR SUMINISTRO DE TRATAMIENTOS, PROCEDIMIENTOS O MEDICAMENTOS EXCLUIDOS DEL POS-Reglas de procedencia y acceso a los servicios de salud \u00a0 \u00a0 \u00a0 ESTADO-Atenci\u00f3n especial a quien padece problemas de f\u00e1rmacodependencia o drogadicci\u00f3n como sujeto de especial protecci\u00f3n \u00a0 \u00a0 \u00a0 DROGADICCION-Sometimiento del individuo a un ...<br \/><div class=\"pt-cv-rmwrap\"><a href=\"https:\/\/www.dmsjuridica.com\/buscador_20179478954\/corteconstitucionalcronologico202454587\/t-355-12\/\" class=\"_self pt-cv-readmore btn btn-success\" target=\"_self\">Ver Sentencia Completa...<\/a><\/div><\/div><\/div><\/div>\n<div class=\"col-md-12 col-sm-12 col-xs-12 pt-cv-content-item pt-cv-1-col\" ><div class='pt-cv-ifield'><a href=\"https:\/\/www.dmsjuridica.com\/buscador_20179478954\/corteconstitucionalcronologico202454587\/t-354-12\/\" class=\"_self pt-cv-href-thumbnail pt-cv-thumb-default\" target=\"_self\" ><\/a>\n<div class=\"pt-cv-taxoterm above_title\"><a href='https:\/\/www.dmsjuridica.com\/buscador_20179478954\/corteconstitucionalcronologico202454587\/category\/buscar-en-toda-la-corte\/2012\/tutelas-2012\/' title='Tutelas 2012' class='pt-cv-tax-tutelas-2012'>Tutelas 2012<\/a><\/div>\n<h4 class=\"pt-cv-title\"><a href=\"https:\/\/www.dmsjuridica.com\/buscador_20179478954\/corteconstitucionalcronologico202454587\/t-354-12\/\" class=\"_self\" target=\"_self\" >T-354-12<\/a><\/h4>\n<div class=\"pt-cv-content\">\u00a0 \u00a0 Sentencia T-354\/12\u00a0 \u00a0 ACCION DE TUTELA PARA RECONOCIMIENTO DE SUSTITUCION PENSIONAL A FAVOR DE SUJETOS DE ESPECIAL PROTECCION O EN ESTADO DE DEBILIDAD MANIFIESTA-Procedencia excepcional a pesar de la existencia de otro mecanismo judicial \u00a0 \u00a0 \u00a0 PERJUICIO IRREMEDIABLE-Supuestos adicionales que afectan el m\u00ednimo vital de trabajador, pensionado y beneficiarios \u00a0 \u00a0 \u00a0 MINIMO VITAL-Acompa\u00f1amiento de prueba siquiera sumaria de la vulneraci\u00f3n \u00a0 \u00a0 \u00a0 SUSTITUCION PENSIONAL O PENSION DE SOBREVIVIENTES-Naturaleza, finalidad y principios constitucionales \u00a0 \u00a0 \u00a0 SUSTITUCION PENSIONAL O PENSION DE SOBREVIVIENTES-Derecho del r\u00e9gimen solidario de prima media y r\u00e9gimen de ahorro individual con solidaridad \u00a0 ...<br \/><div class=\"pt-cv-rmwrap\"><a href=\"https:\/\/www.dmsjuridica.com\/buscador_20179478954\/corteconstitucionalcronologico202454587\/t-354-12\/\" class=\"_self pt-cv-readmore btn btn-success\" target=\"_self\">Ver Sentencia Completa...<\/a><\/div><\/div><\/div><\/div>\n<div class=\"col-md-12 col-sm-12 col-xs-12 pt-cv-content-item pt-cv-1-col\" ><div class='pt-cv-ifield'><a href=\"https:\/\/www.dmsjuridica.com\/buscador_20179478954\/corteconstitucionalcronologico202454587\/t-353-12\/\" class=\"_self pt-cv-href-thumbnail pt-cv-thumb-default\" target=\"_self\" ><\/a>\n<div class=\"pt-cv-taxoterm above_title\"><a href='https:\/\/www.dmsjuridica.com\/buscador_20179478954\/corteconstitucionalcronologico202454587\/category\/buscar-en-toda-la-corte\/2012\/tutelas-2012\/' title='Tutelas 2012' class='pt-cv-tax-tutelas-2012'>Tutelas 2012<\/a><\/div>\n<h4 class=\"pt-cv-title\"><a href=\"https:\/\/www.dmsjuridica.com\/buscador_20179478954\/corteconstitucionalcronologico202454587\/t-353-12\/\" class=\"_self\" target=\"_self\" >T-353-12<\/a><\/h4>\n<div class=\"pt-cv-content\">\u00a0 \u00a0 Sentencia T-353\/12 \u00a0 ACCION DE TUTELA CONTRA SENTENCIA DE TUTELA-Improcedencia\/SOLICITUD DE REVISION DE SENTENCIAS DE TUTELA ANTE LA CORTE CONSTITUCIONAL-Fundamento \u00a0 La Corte ha admitido la posibilidad de interponer acciones de tutela contra actuaciones judiciales arbitrarias, incluso, actuaciones arbitrarias de jueces de tutela, pero nunca con respecto a sentencias de tutela, sino con relaci\u00f3n a incidentes de desacato, o contra autos emitidos en el curso del proceso de tutela. A partir de la Sentencia SU-1219 de 2001, la Sala Plena de esta Corporaci\u00f3n unific\u00f3 su posici\u00f3n frente a este tema, precisando que las sentencias de tutela, y en ...<br \/><div class=\"pt-cv-rmwrap\"><a href=\"https:\/\/www.dmsjuridica.com\/buscador_20179478954\/corteconstitucionalcronologico202454587\/t-353-12\/\" class=\"_self pt-cv-readmore btn btn-success\" target=\"_self\">Ver Sentencia Completa...<\/a><\/div><\/div><\/div><\/div>\n<div class=\"col-md-12 col-sm-12 col-xs-12 pt-cv-content-item pt-cv-1-col\" ><div class='pt-cv-ifield'><a href=\"https:\/\/www.dmsjuridica.com\/buscador_20179478954\/corteconstitucionalcronologico202454587\/t-352-12\/\" class=\"_self pt-cv-href-thumbnail pt-cv-thumb-default\" target=\"_self\" ><\/a>\n<div class=\"pt-cv-taxoterm above_title\"><a href='https:\/\/www.dmsjuridica.com\/buscador_20179478954\/corteconstitucionalcronologico202454587\/category\/buscar-en-toda-la-corte\/2012\/tutelas-2012\/' title='Tutelas 2012' class='pt-cv-tax-tutelas-2012'>Tutelas 2012<\/a><\/div>\n<h4 class=\"pt-cv-title\"><a href=\"https:\/\/www.dmsjuridica.com\/buscador_20179478954\/corteconstitucionalcronologico202454587\/t-352-12\/\" class=\"_self\" target=\"_self\" >T-352-12<\/a><\/h4>\n<div class=\"pt-cv-content\">ACCION DE TUTELA CONTRA PROVIDENCIAS JUDICIALES-Procedencia excepcional \u00a0 \u00a0 \u00a0 ACCION DE TUTELA CONTRA PROVIDENCIAS JUDICIALES-Defectos que configuran v\u00eda de hecho \u00a0 \u00a0 \u00a0 ACCION DE TUTELA CONTRA AUTOS INTERLOCUTORIOS-Procedencia excepcional \u00a0 \u00a0 \u00a0 ACCION DE TUTELA CONTRA PROVIDENCIAS JUDICIALES-Requisitos generales de procedencia \u00a0 \u00a0 \u00a0 ACCION DE TUTELA CONTRA PROVIDENCIAS JUDICIALES-Requisitos especiales de procedibilidad \u00a0 \u00a0 \u00a0 ACCION DE TUTELA CONTRA PROVIDENCIAS JUDICIALES-Defecto procedimental por exceso ritual manifiesto \u00a0 \u00a0 \u00a0 DEFECTO PROCEDIMENTAL ABSOLUTO-Configuraci\u00f3n \u00a0 \u00a0 \u00a0 DEFECTO PROCEDIMENTAL POR EXCESO RITUAL MANIFIESTO-Estructuraci\u00f3n \u00a0 \u00a0 \u00a0 DERECHO PROCESAL-Contribuir a la realizaci\u00f3n de derechos subjetivos y fortalecer la obtenci\u00f3n de ...<br \/><div class=\"pt-cv-rmwrap\"><a href=\"https:\/\/www.dmsjuridica.com\/buscador_20179478954\/corteconstitucionalcronologico202454587\/t-352-12\/\" class=\"_self pt-cv-readmore btn btn-success\" target=\"_self\">Ver Sentencia Completa...<\/a><\/div><\/div><\/div><\/div>\n<div class=\"col-md-12 col-sm-12 col-xs-12 pt-cv-content-item pt-cv-1-col\" ><div class='pt-cv-ifield'><a href=\"https:\/\/www.dmsjuridica.com\/buscador_20179478954\/corteconstitucionalcronologico202454587\/t-350-12\/\" class=\"_self pt-cv-href-thumbnail pt-cv-thumb-default\" target=\"_self\" ><\/a>\n<div class=\"pt-cv-taxoterm above_title\"><a href='https:\/\/www.dmsjuridica.com\/buscador_20179478954\/corteconstitucionalcronologico202454587\/category\/buscar-en-toda-la-corte\/2012\/tutelas-2012\/' title='Tutelas 2012' class='pt-cv-tax-tutelas-2012'>Tutelas 2012<\/a><\/div>\n<h4 class=\"pt-cv-title\"><a href=\"https:\/\/www.dmsjuridica.com\/buscador_20179478954\/corteconstitucionalcronologico202454587\/t-350-12\/\" class=\"_self\" target=\"_self\" >T-350-12<\/a><\/h4>\n<div class=\"pt-cv-content\">\u00a0 \u00a0 Sentencia T-350\/12 \u00a0 ACCION DE TUTELA CONTRA PROVIDENCIAS JUDICIALES-Procedencia excepcional \u00a0 \u00a0 \u00a0 ACCION DE TUTELA CONTRA PROVIDENCIAS JUDICIALES-Requisitos generales de procedencia \u00a0 \u00a0 \u00a0 ACCION DE TUTELA CONTRA PROVIDENCIAS JUDICIALES-Causales espec\u00edficas de procedibilidad \u00a0 \u00a0 \u00a0 ACCION DE TUTELA CONTRA PROVIDENCIAS JUDICIALES-Defecto sustantivo \u00a0 \u00a0 \u00a0 PRINCIPIO DE AUTONOMIA E INDEPENDENCIA JUDICIAL-Competencia de autoridades judiciales para interpretar y aplicar normas jur\u00eddicas no es absoluta \u00a0 \u00a0 \u00a0 DEFECTO SUSTANTIVO-Configuraci\u00f3n \u00a0 \u00a0 \u00a0 PRINCIPIO DE LA CONDICION MAS BENEFICIOSA AL TRABAJADOR-Aplicaci\u00f3n del principio de favorabilidad en materia laboral \u00a0 \u00a0 \u00a0 \u00a0 \u00a0 PRINCIPIO DE FAVORABILIDAD LABORAL-Opera cuando ...<br \/><div class=\"pt-cv-rmwrap\"><a href=\"https:\/\/www.dmsjuridica.com\/buscador_20179478954\/corteconstitucionalcronologico202454587\/t-350-12\/\" class=\"_self pt-cv-readmore btn btn-success\" target=\"_self\">Ver Sentencia Completa...<\/a><\/div><\/div><\/div><\/div>\n<div class=\"col-md-12 col-sm-12 col-xs-12 pt-cv-content-item pt-cv-1-col\" ><div class='pt-cv-ifield'><a href=\"https:\/\/www.dmsjuridica.com\/buscador_20179478954\/corteconstitucionalcronologico202454587\/t-349-12\/\" class=\"_self pt-cv-href-thumbnail pt-cv-thumb-default\" target=\"_self\" ><\/a>\n<div class=\"pt-cv-taxoterm above_title\"><a href='https:\/\/www.dmsjuridica.com\/buscador_20179478954\/corteconstitucionalcronologico202454587\/category\/buscar-en-toda-la-corte\/2012\/tutelas-2012\/' title='Tutelas 2012' class='pt-cv-tax-tutelas-2012'>Tutelas 2012<\/a><\/div>\n<h4 class=\"pt-cv-title\"><a href=\"https:\/\/www.dmsjuridica.com\/buscador_20179478954\/corteconstitucionalcronologico202454587\/t-349-12\/\" class=\"_self\" target=\"_self\" >T-349-12<\/a><\/h4>\n<div class=\"pt-cv-content\">\u00a0 \u00a0 Sentencia T-349\/12 \u00a0 COADYUVANCIA EN LA ACCION DE TUTELA-Inter\u00e9s leg\u00edtimo en el resultado del proceso \u00a0 \u00a0 \u00a0 COADYUVANCIA EN LA ACCION DE TUTELA-Necesidad de facilitar participaci\u00f3n de todos en decisiones que les afectan \u00a0 \u00a0 \u00a0 VIVIENDA DIGNA-Concepto\/DERECHO A LA VIVIENDA DIGNA-Marco constitucional \u00a0 \u00a0 \u00a0 DERECHO A LA VIVIENDA DIGNA-Contenido \u00a0 \u00a0 \u00a0 DERECHO A LA VIVIENDA DIGNA-Requisitos\u00a0que deben cumplirse \u00a0 \u00a0 \u00a0 ESTADO DE COSAS INCONSTITUCIONAL EN POBLACION DESPLAZADA-Declaraci\u00f3n en sentencia T-025\/04 \u00a0 \u00a0 \u00a0 DERECHO A LA VIVIENDA DIGNA-Obligaciones\u00a0del Estado para garantizar su efectiva realizaci\u00f3n \u00a0 \u00a0 \u00a0 \u00a0 \u00a0 DERECHO A LA VIVIENDA ...<br \/><div class=\"pt-cv-rmwrap\"><a href=\"https:\/\/www.dmsjuridica.com\/buscador_20179478954\/corteconstitucionalcronologico202454587\/t-349-12\/\" class=\"_self pt-cv-readmore btn btn-success\" target=\"_self\">Ver Sentencia Completa...<\/a><\/div><\/div><\/div><\/div>\n<div class=\"col-md-12 col-sm-12 col-xs-12 pt-cv-content-item pt-cv-1-col\" ><div class='pt-cv-ifield'><a href=\"https:\/\/www.dmsjuridica.com\/buscador_20179478954\/corteconstitucionalcronologico202454587\/t-348-12\/\" class=\"_self pt-cv-href-thumbnail pt-cv-thumb-default\" target=\"_self\" ><\/a>\n<div class=\"pt-cv-taxoterm above_title\"><a href='https:\/\/www.dmsjuridica.com\/buscador_20179478954\/corteconstitucionalcronologico202454587\/category\/buscar-en-toda-la-corte\/2012\/tutelas-2012\/' title='Tutelas 2012' class='pt-cv-tax-tutelas-2012'>Tutelas 2012<\/a><\/div>\n<h4 class=\"pt-cv-title\"><a href=\"https:\/\/www.dmsjuridica.com\/buscador_20179478954\/corteconstitucionalcronologico202454587\/t-348-12\/\" class=\"_self\" target=\"_self\" >T-348-12<\/a><\/h4>\n<div class=\"pt-cv-content\">\u00a0 \u00a0 Sentencia T-348\/12 \u00a0 DERECHO DE PARTICIPACION-Espacios de concertaci\u00f3n en dise\u00f1o y desarrollo de megaproyectos \u00a0 \u00a0 \u00a0 DERECHO DE PARTICIPACION-Protecci\u00f3n constitucional \u00a0 \u00a0 \u00a0 PRINCIPIO DE PARTICIPACION DEMOCRATICA-Modelo de comportamiento social y pol\u00edtico de los ciudadanos en la definici\u00f3n del destino colectivo \u00a0 \u00a0 \u00a0 DERECHO DE PARTICIPACION-Definici\u00f3n \u00a0 \u00a0 \u00a0 DERECHO DE PARTICIPACION\u00a0EN MATERIA AMBIENTAL-Mecanismos \u00a0 \u00a0 \u00a0 DERECHO DE PARTICIPACION\u00a0EN MATERIA AMBIENTAL-Toma de decisiones ambientales en megaproyectos \u00a0 \u00a0 \u00a0 ESPACIOS DE PARTICIPACION EN DISE\u00d1O Y EJECUCION DE MEGAPROYECTOS CON RECURSOS DEL MEDIO AMBIENTE-Importancia \u00a0 \u00a0 \u00a0 MEDIO AMBIENTE-Principio y derecho \u00a0 \u00a0 \u00a0 MEDIO AMBIENTE-Obligaci\u00f3n ...<br \/><div class=\"pt-cv-rmwrap\"><a href=\"https:\/\/www.dmsjuridica.com\/buscador_20179478954\/corteconstitucionalcronologico202454587\/t-348-12\/\" class=\"_self pt-cv-readmore btn btn-success\" target=\"_self\">Ver Sentencia Completa...<\/a><\/div><\/div><\/div><\/div>\n<div class=\"col-md-12 col-sm-12 col-xs-12 pt-cv-content-item pt-cv-1-col\" ><div class='pt-cv-ifield'><a href=\"https:\/\/www.dmsjuridica.com\/buscador_20179478954\/corteconstitucionalcronologico202454587\/t-347-12\/\" class=\"_self pt-cv-href-thumbnail pt-cv-thumb-default\" target=\"_self\" ><\/a>\n<div class=\"pt-cv-taxoterm above_title\"><a href='https:\/\/www.dmsjuridica.com\/buscador_20179478954\/corteconstitucionalcronologico202454587\/category\/buscar-en-toda-la-corte\/2012\/tutelas-2012\/' title='Tutelas 2012' class='pt-cv-tax-tutelas-2012'>Tutelas 2012<\/a><\/div>\n<h4 class=\"pt-cv-title\"><a href=\"https:\/\/www.dmsjuridica.com\/buscador_20179478954\/corteconstitucionalcronologico202454587\/t-347-12\/\" class=\"_self\" target=\"_self\" >T-347-12<\/a><\/h4>\n<div class=\"pt-cv-content\">\u00a0 \u00a0 Sentencia T-347\/12 \u00a0 DERECHO DE PARTICIPACION-Protecci\u00f3n constitucional \u00a0 \u00a0 \u00a0 DERECHO DE PARTICIPACION-Manifestaci\u00f3n del principio democr\u00e1tico del Estado Social de Derecho \u00a0 \u00a0 \u00a0 DERECHO DE PARTICIPACION-\u00c1mbito internacional \u00a0 \u00a0 \u00a0 DERECHO DE PARTICIPACION-Naturaleza expansiva\/DEMOCRACIA PARTICIPATIVA-Ejercicio \u00a0 \u00a0 \u00a0 INSTITUCION DEL SISTEMA DE SEGURIDAD SOCIAL EN SALUD-Formas de participaci\u00f3n social en la prestaci\u00f3n de servicios \u00a0 \u00a0 \u00a0 NUEVA EPS-Sociedad de econom\u00eda mixta \u00a0 \u00a0 \u00a0 INSTITUCION DEL SISTEMA DE SEGURIDAD SOCIAL EN SALUD-Designaci\u00f3n de representante de asociaciones de usuarios ante Junta Directiva de EPS \u00a0 \u00a0 \u00a0 ACCION DE TUTELA DE INTEGRANTES DE ASOCIACION DE USUARIOS DE ...<br \/><div class=\"pt-cv-rmwrap\"><a href=\"https:\/\/www.dmsjuridica.com\/buscador_20179478954\/corteconstitucionalcronologico202454587\/t-347-12\/\" class=\"_self pt-cv-readmore btn btn-success\" target=\"_self\">Ver Sentencia Completa...<\/a><\/div><\/div><\/div><\/div>\n<div class=\"col-md-12 col-sm-12 col-xs-12 pt-cv-content-item pt-cv-1-col\" ><div class='pt-cv-ifield'><a href=\"https:\/\/www.dmsjuridica.com\/buscador_20179478954\/corteconstitucionalcronologico202454587\/t-346-12\/\" class=\"_self pt-cv-href-thumbnail pt-cv-thumb-default\" target=\"_self\" ><\/a>\n<div class=\"pt-cv-taxoterm above_title\"><a href='https:\/\/www.dmsjuridica.com\/buscador_20179478954\/corteconstitucionalcronologico202454587\/category\/buscar-en-toda-la-corte\/2012\/tutelas-2012\/' title='Tutelas 2012' class='pt-cv-tax-tutelas-2012'>Tutelas 2012<\/a><\/div>\n<h4 class=\"pt-cv-title\"><a href=\"https:\/\/www.dmsjuridica.com\/buscador_20179478954\/corteconstitucionalcronologico202454587\/t-346-12\/\" class=\"_self\" target=\"_self\" >T-346-12<\/a><\/h4>\n<div class=\"pt-cv-content\">\u00a0 \u00a0 Sentencia T-346\/12 \u00a0 ACCION DE TUTELA CONTRA PROVIDENCIAS JUDICIALES-Procedencia excepcional \u00a0 \u00a0 \u00a0 ACCION DE TUTELA CONTRA PROVIDENCIAS JUDICIALES-Defectos que configuran v\u00eda de hecho \u00a0 \u00a0 \u00a0 ACCION DE TUTELA CONTRA PROVIDENCIAS JUDICIALES-Requisitos generales de procedencia \u00a0 \u00a0 \u00a0 ACCION DE TUTELA CONTRA PROVIDENCIAS JUDICIALES-Causales especiales de procedibilidad \u00a0 \u00a0 \u00a0 ACCION DE TUTELA CONTRA PROVIDENCIAS JUDICIALES-Defecto sustantivo \u00a0 \u00a0 \u00a0 PRINCIPIO\u00a0IURA NOVIT CURIA-Aplicaci\u00f3n \u00a0 \u00a0 \u00a0 \u00a0 \u00a0 DEFECTO SUSTANTIVO-Configuraci\u00f3n \u00a0 \u00a0 \u00a0 DEFECTO SUSTANTIVO-Inexistencia cuando se trata de divergencia en interpretaciones admisibles, razonables y proporcionadas \u00a0 \u00a0 \u00a0 ACCION DE TUTELA CONTRA PROVIDENCIAS JUDICIALES-Defecto f\u00e1ctico \u00a0 ...<br \/><div class=\"pt-cv-rmwrap\"><a href=\"https:\/\/www.dmsjuridica.com\/buscador_20179478954\/corteconstitucionalcronologico202454587\/t-346-12\/\" class=\"_self pt-cv-readmore btn btn-success\" target=\"_self\">Ver Sentencia Completa...<\/a><\/div><\/div><\/div><\/div>\n<div class=\"col-md-12 col-sm-12 col-xs-12 pt-cv-content-item pt-cv-1-col\" ><div class='pt-cv-ifield'><a href=\"https:\/\/www.dmsjuridica.com\/buscador_20179478954\/corteconstitucionalcronologico202454587\/t-345-12\/\" class=\"_self pt-cv-href-thumbnail pt-cv-thumb-default\" target=\"_self\" ><\/a>\n<div class=\"pt-cv-taxoterm above_title\"><a href='https:\/\/www.dmsjuridica.com\/buscador_20179478954\/corteconstitucionalcronologico202454587\/category\/buscar-en-toda-la-corte\/2012\/tutelas-2012\/' title='Tutelas 2012' class='pt-cv-tax-tutelas-2012'>Tutelas 2012<\/a><\/div>\n<h4 class=\"pt-cv-title\"><a href=\"https:\/\/www.dmsjuridica.com\/buscador_20179478954\/corteconstitucionalcronologico202454587\/t-345-12\/\" class=\"_self\" target=\"_self\" >T-345-12<\/a><\/h4>\n<div class=\"pt-cv-content\">\u00a0 \u00a0 Sentencia T-345\/12 \u00a0 LEGITIMACION POR PASIVA EN TUTELA-Debe desplegar conducta activa u omisiva para el proceder del mecanismo judicial \u00a0 La parte accionada debe tener la calidad de autoridad p\u00fablica (inciso 1\u00b0 del art\u00edculo 86 de la Constituci\u00f3n y art\u00edculo 1\u00b0 del Decreto 2591 de 1991) o de particular, pero en este \u00faltimo caso, el particular demandado debe estar en una de las siguientes situaciones contempladas en el inciso 5\u00b0 del art\u00edculo 86 de la Carta y en el art\u00edculo 42 del Decreto 2591 de 1991: (i) que est\u00e9 encargado de la prestaci\u00f3n del servicio de educaci\u00f3n o ...<br \/><div class=\"pt-cv-rmwrap\"><a href=\"https:\/\/www.dmsjuridica.com\/buscador_20179478954\/corteconstitucionalcronologico202454587\/t-345-12\/\" class=\"_self pt-cv-readmore btn btn-success\" target=\"_self\">Ver Sentencia Completa...<\/a><\/div><\/div><\/div><\/div>\n<div class=\"col-md-12 col-sm-12 col-xs-12 pt-cv-content-item pt-cv-1-col\" ><div class='pt-cv-ifield'><a href=\"https:\/\/www.dmsjuridica.com\/buscador_20179478954\/corteconstitucionalcronologico202454587\/t-344-12\/\" class=\"_self pt-cv-href-thumbnail pt-cv-thumb-default\" target=\"_self\" ><\/a>\n<div class=\"pt-cv-taxoterm above_title\"><a href='https:\/\/www.dmsjuridica.com\/buscador_20179478954\/corteconstitucionalcronologico202454587\/category\/buscar-en-toda-la-corte\/2012\/tutelas-2012\/' title='Tutelas 2012' class='pt-cv-tax-tutelas-2012'>Tutelas 2012<\/a><\/div>\n<h4 class=\"pt-cv-title\"><a href=\"https:\/\/www.dmsjuridica.com\/buscador_20179478954\/corteconstitucionalcronologico202454587\/t-344-12\/\" class=\"_self\" target=\"_self\" >T-344-12<\/a><\/h4>\n<div class=\"pt-cv-content\">\u00a0 \u00a0 Sentencia T-344\/12 \u00a0 DERECHO A LA SALUD-Fundamental aut\u00f3nomo \u00a0 \u00a0 \u00a0 DERECHO A LA SALUD-Doble connotaci\u00f3n al ser un derecho fundamental y al mismo tiempo un servicio p\u00fablico \u00a0 \u00a0 \u00a0 SISTEMA GENERAL DE SEGURIDAD SOCIAL EN SALUD-Cobertura universal \u00a0 \u00a0 \u00a0 SEGURIDAD SOCIAL-Servicio p\u00fablico de car\u00e1cter obligatorio \u00a0 \u00a0 \u00a0 DERECHO A LA SALUD DE SUJETOS DE ESPECIAL PROTECCION-Fundamental aut\u00f3nomo \u00a0 \u00a0 \u00a0 DERECHO A LA SALUD-Derecho subjetivo de quienes pertenecen a los reg\u00edmenes contributivo y subsidiado \u00a0 \u00a0 \u00a0 ACCION DE TUTELA PARA ORDENAR SUMINISTRO DE TRATAMIENTOS, PROCEDIMIENTOS O MEDICAMENTOS EXCLUIDOS DEL POS-Reglas de procedencia y ...<br \/><div class=\"pt-cv-rmwrap\"><a href=\"https:\/\/www.dmsjuridica.com\/buscador_20179478954\/corteconstitucionalcronologico202454587\/t-344-12\/\" class=\"_self pt-cv-readmore btn btn-success\" target=\"_self\">Ver Sentencia Completa...<\/a><\/div><\/div><\/div><\/div>\n<div class=\"col-md-12 col-sm-12 col-xs-12 pt-cv-content-item pt-cv-1-col\" ><div class='pt-cv-ifield'><a href=\"https:\/\/www.dmsjuridica.com\/buscador_20179478954\/corteconstitucionalcronologico202454587\/t-343-12\/\" class=\"_self pt-cv-href-thumbnail pt-cv-thumb-default\" target=\"_self\" ><\/a>\n<div class=\"pt-cv-taxoterm above_title\"><a href='https:\/\/www.dmsjuridica.com\/buscador_20179478954\/corteconstitucionalcronologico202454587\/category\/buscar-en-toda-la-corte\/2012\/tutelas-2012\/' title='Tutelas 2012' class='pt-cv-tax-tutelas-2012'>Tutelas 2012<\/a><\/div>\n<h4 class=\"pt-cv-title\"><a href=\"https:\/\/www.dmsjuridica.com\/buscador_20179478954\/corteconstitucionalcronologico202454587\/t-343-12\/\" class=\"_self\" target=\"_self\" >T-343-12<\/a><\/h4>\n<div class=\"pt-cv-content\">\u00a0 \u00a0 Sentencia T-343\/12 \u00a0 ACCION DE TUTELA CONTRA AUTO PROFERIDO POR EL CONSEJO DE ESTADO-Solicitud de suspensi\u00f3n provisional del bolet\u00edn de valores de UVR emitido por el Banco de la Rep\u00fablica como medida cautelar en proceso de nulidad \u00a0 ACCION DE TUTELA CONTRA PROVIDENCIAS JUDICIALES-Procedencia excepcional \u00a0 \u00a0 \u00a0 ACCION DE TUTELA CONTRA PROVIDENCIAS JUDICIALES-Defectos que configuran v\u00eda de hecho \u00a0 \u00a0 \u00a0 ACCION DE TUTELA CONTRA PROVIDENCIAS JUDICIALES-Causales gen\u00e9ricas de procedibilidad \u00a0 \u00a0 \u00a0 ACCION DE TUTELA CONTRA PROVIDENCIAS JUDICIALES-Requisitos generales de procedencia \u00a0 \u00a0 \u00a0 ACCION DE TUTELA CONTRA PROVIDENCIAS JUDICIALES-Requisitos especiales de procedibilidad \u00a0 \u00a0 \u00a0 ...<br \/><div class=\"pt-cv-rmwrap\"><a href=\"https:\/\/www.dmsjuridica.com\/buscador_20179478954\/corteconstitucionalcronologico202454587\/t-343-12\/\" class=\"_self pt-cv-readmore btn btn-success\" target=\"_self\">Ver Sentencia Completa...<\/a><\/div><\/div><\/div><\/div>\n<div class=\"col-md-12 col-sm-12 col-xs-12 pt-cv-content-item pt-cv-1-col\" ><div class='pt-cv-ifield'><a href=\"https:\/\/www.dmsjuridica.com\/buscador_20179478954\/corteconstitucionalcronologico202454587\/t-342-12\/\" class=\"_self pt-cv-href-thumbnail pt-cv-thumb-default\" target=\"_self\" ><\/a>\n<div class=\"pt-cv-taxoterm above_title\"><a href='https:\/\/www.dmsjuridica.com\/buscador_20179478954\/corteconstitucionalcronologico202454587\/category\/buscar-en-toda-la-corte\/2012\/tutelas-2012\/' title='Tutelas 2012' class='pt-cv-tax-tutelas-2012'>Tutelas 2012<\/a><\/div>\n<h4 class=\"pt-cv-title\"><a href=\"https:\/\/www.dmsjuridica.com\/buscador_20179478954\/corteconstitucionalcronologico202454587\/t-342-12\/\" class=\"_self\" target=\"_self\" >T-342-12<\/a><\/h4>\n<div class=\"pt-cv-content\">\u00a0 \u00a0 Sentencia T-342\/12 \u00a0 PROTECCION ESPECIAL A POBLACION DESPLAZADA-Reiteraci\u00f3n de jurisprudencia \u00a0 \u00a0 \u00a0 DERECHO A LA IGUALDAD-Protecci\u00f3n constitucional reforzada a poblaci\u00f3n desplazada \u00a0 \u00a0 \u00a0 POBLACION DESPLAZADA Y PRINCIPIO DE FAVORABILIDAD-Sujetos de especial protecci\u00f3n \u00a0 \u00a0 \u00a0 ACCION DE TUTELA-Cumplimiento de los requisitos de inmediatez y subsidiariedad para su procedencia \u00a0 \u00a0 \u00a0 ACCION DE TUTELA Y PRINCIPIO DE SUBSIDIARIEDAD-Procedencia cuando no exista otro medio de defensa judicial \u00a0 \u00a0 \u00a0 ACCION DE TUTELA Y PRINCIPIO DE INMEDIATEZ-Tiempo razonable evaluado por el juez\/ACCION DE TUTELA Y PRINCIPIO DE INMEDIATEZ-Procedencia excepcional cuando se encuentra justificada la demora de interposici\u00f3n ...<br \/><div class=\"pt-cv-rmwrap\"><a href=\"https:\/\/www.dmsjuridica.com\/buscador_20179478954\/corteconstitucionalcronologico202454587\/t-342-12\/\" class=\"_self pt-cv-readmore btn btn-success\" target=\"_self\">Ver Sentencia Completa...<\/a><\/div><\/div><\/div><\/div>\n<div class=\"col-md-12 col-sm-12 col-xs-12 pt-cv-content-item pt-cv-1-col\" ><div class='pt-cv-ifield'><a href=\"https:\/\/www.dmsjuridica.com\/buscador_20179478954\/corteconstitucionalcronologico202454587\/t-341-12\/\" class=\"_self pt-cv-href-thumbnail pt-cv-thumb-default\" target=\"_self\" ><\/a>\n<div class=\"pt-cv-taxoterm above_title\"><a href='https:\/\/www.dmsjuridica.com\/buscador_20179478954\/corteconstitucionalcronologico202454587\/category\/buscar-en-toda-la-corte\/2012\/tutelas-2012\/' title='Tutelas 2012' class='pt-cv-tax-tutelas-2012'>Tutelas 2012<\/a><\/div>\n<h4 class=\"pt-cv-title\"><a href=\"https:\/\/www.dmsjuridica.com\/buscador_20179478954\/corteconstitucionalcronologico202454587\/t-341-12\/\" class=\"_self\" target=\"_self\" >T-341-12<\/a><\/h4>\n<div class=\"pt-cv-content\">\u00a0 \u00a0 \u00a0Sentencia T-341\/12 \u00a0 ACCION DE TUTELA CONTRA PARTICULARES-Reiteraci\u00f3n de jurisprudencia \u00a0 \u00a0 \u00a0 ACCION DE TUTELA CONTRA PARTICULARES-Procedencia cuando se evidencia estado de indefensi\u00f3n o subordinaci\u00f3n en materia laboral \u00a0 \u00a0 \u00a0 ACCION DE TUTELA CONTRA PARTICULARES-Supuestos en los que existe\u00a0estado de indefensi\u00f3n \u00a0 \u00a0 \u00a0 ACCION DE TUTELA-Procedencia a\u00fan cuando relaci\u00f3n laboral ha terminado pero se evidencia durante su desarrollo desconocimiento de los derechos del trabajador \u00a0 \u00a0 \u00a0 ACCION DE TUTELA PARA OBTENER REINTEGRO LABORAL-Procedencia para prevenir vulneraci\u00f3n del derecho a la protecci\u00f3n laboral reforzada \u00a0 \u00a0 \u00a0 DERECHO AL TRABAJO-Fundamental\/TRABAJO-Derecho y obligaci\u00f3n social \u00a0 \u00a0 ...<br \/><div class=\"pt-cv-rmwrap\"><a href=\"https:\/\/www.dmsjuridica.com\/buscador_20179478954\/corteconstitucionalcronologico202454587\/t-341-12\/\" class=\"_self pt-cv-readmore btn btn-success\" target=\"_self\">Ver Sentencia Completa...<\/a><\/div><\/div><\/div><\/div>\n<div class=\"col-md-12 col-sm-12 col-xs-12 pt-cv-content-item pt-cv-1-col\" ><div class='pt-cv-ifield'><a href=\"https:\/\/www.dmsjuridica.com\/buscador_20179478954\/corteconstitucionalcronologico202454587\/t-340-12\/\" class=\"_self pt-cv-href-thumbnail pt-cv-thumb-default\" target=\"_self\" ><\/a>\n<div class=\"pt-cv-taxoterm above_title\"><a href='https:\/\/www.dmsjuridica.com\/buscador_20179478954\/corteconstitucionalcronologico202454587\/category\/buscar-en-toda-la-corte\/2012\/tutelas-2012\/' title='Tutelas 2012' class='pt-cv-tax-tutelas-2012'>Tutelas 2012<\/a><\/div>\n<h4 class=\"pt-cv-title\"><a href=\"https:\/\/www.dmsjuridica.com\/buscador_20179478954\/corteconstitucionalcronologico202454587\/t-340-12\/\" class=\"_self\" target=\"_self\" >T-340-12<\/a><\/h4>\n<div class=\"pt-cv-content\">\u00a0 \u00a0 Sentencia T-340\/12 \u00a0 ACCION DE TUTELA CONTRA BRINKS DE COLOMBIA-Despido de trabajadores a pocos d\u00edas de afiliaci\u00f3n sindical \u00a0 \u00a0 \u00a0 DERECHO DE ASOCIACION SINDICAL Y PROTECCION MEDIANTE ACCION DE TUTELA \u00a0 ACCION DE TUTELA DE ORGANIZACION SINDICAL-No es necesaria la existencia de poder de cada uno de los miembros para su procedencia \u00a0 \u00a0 \u00a0 ORGANIZACION SINDICAL-Legitimaci\u00f3n por activa de miembros de Junta Directiva \u00a0 \u00a0 \u00a0 DERECHO DE ASOCIACION SINDICAL-Protecci\u00f3n por la Constituci\u00f3n y convenios internacionales \u00a0 \u00a0 \u00a0 DERECHO DE ASOCIACION SINDICAL-Dimensiones \u00a0 \u00a0 \u00a0 DERECHO DE ASOCIACION SINDICAL-Protecci\u00f3n por conducta abusiva del empleador \u00a0 ...<br \/><div class=\"pt-cv-rmwrap\"><a href=\"https:\/\/www.dmsjuridica.com\/buscador_20179478954\/corteconstitucionalcronologico202454587\/t-340-12\/\" class=\"_self pt-cv-readmore btn btn-success\" target=\"_self\">Ver Sentencia Completa...<\/a><\/div><\/div><\/div><\/div>\n<div class=\"col-md-12 col-sm-12 col-xs-12 pt-cv-content-item pt-cv-1-col\" ><div class='pt-cv-ifield'><a href=\"https:\/\/www.dmsjuridica.com\/buscador_20179478954\/corteconstitucionalcronologico202454587\/t-339-12\/\" class=\"_self pt-cv-href-thumbnail pt-cv-thumb-default\" target=\"_self\" ><\/a>\n<div class=\"pt-cv-taxoterm above_title\"><a href='https:\/\/www.dmsjuridica.com\/buscador_20179478954\/corteconstitucionalcronologico202454587\/category\/buscar-en-toda-la-corte\/2012\/tutelas-2012\/' title='Tutelas 2012' class='pt-cv-tax-tutelas-2012'>Tutelas 2012<\/a><\/div>\n<h4 class=\"pt-cv-title\"><a href=\"https:\/\/www.dmsjuridica.com\/buscador_20179478954\/corteconstitucionalcronologico202454587\/t-339-12\/\" class=\"_self\" target=\"_self\" >T-339-12<\/a><\/h4>\n<div class=\"pt-cv-content\">\u00a0 \u00a0 Sentencia T-339\/12 \u00a0 DERECHO FUNDAMENTAL A LA SEGURIDAD SOCIAL-Reiteraci\u00f3n de jurisprudencia \u00a0 SEGURIDAD SOCIAL-Derecho irrenunciable y servicio p\u00fablico de car\u00e1cter obligatorio \u00a0 DERECHO A LA SEGURIDAD SOCIAL-Bloque de constitucionalidad \u00a0 \u00a0 \u00a0 SISTEMA GENERAL DE PENSIONES-Expresi\u00f3n del derecho a la seguridad social \u00a0 \u00a0 \u00a0 RECONOCIMIENTO Y PAGO DE PRESTACIONES SOCIALES EN MATERIA PENSIONAL-Competencia de jurisdicci\u00f3n ordinaria o contencioso administrativa \u00a0 \u00a0 \u00a0 ACCION DE TUTELA PARA RECONOCIMIENTO DE PRESTACIONES ECONOMICAS-Procedencia excepcional \u00a0 \u00a0 \u00a0 ACCION DE TUTELA PARA RECONOCIMIENTO DE PENSION DE INVALIDEZ-Procedencia excepcional por estado de debilidad manifiesta aun cuando exista otro medio de defensa judicial ...<br \/><div class=\"pt-cv-rmwrap\"><a href=\"https:\/\/www.dmsjuridica.com\/buscador_20179478954\/corteconstitucionalcronologico202454587\/t-339-12\/\" class=\"_self pt-cv-readmore btn btn-success\" target=\"_self\">Ver Sentencia Completa...<\/a><\/div><\/div><\/div><\/div>\n<div class=\"col-md-12 col-sm-12 col-xs-12 pt-cv-content-item pt-cv-1-col\" ><div class='pt-cv-ifield'><a href=\"https:\/\/www.dmsjuridica.com\/buscador_20179478954\/corteconstitucionalcronologico202454587\/t-338-12\/\" class=\"_self pt-cv-href-thumbnail pt-cv-thumb-default\" target=\"_self\" ><\/a>\n<div class=\"pt-cv-taxoterm above_title\"><a href='https:\/\/www.dmsjuridica.com\/buscador_20179478954\/corteconstitucionalcronologico202454587\/category\/buscar-en-toda-la-corte\/2012\/tutelas-2012\/' title='Tutelas 2012' class='pt-cv-tax-tutelas-2012'>Tutelas 2012<\/a><\/div>\n<h4 class=\"pt-cv-title\"><a href=\"https:\/\/www.dmsjuridica.com\/buscador_20179478954\/corteconstitucionalcronologico202454587\/t-338-12\/\" class=\"_self\" target=\"_self\" >T-338-12<\/a><\/h4>\n<div class=\"pt-cv-content\">\u00a0 \u00a0 Sentencia T-338\/12 \u00a0 DERECHO FUNDAMENTAL A LA SEGURIDAD SOCIAL Y PROTECCION POR MEDIO DE ACCION DE TUTELA-Reiteraci\u00f3n de Jurisprudencia \u00a0 SEGURIDAD SOCIAL-Derecho irrenunciable \u00a0 \u00a0 \u00a0 DERECHO A LA SEGURIDAD SOCIAL-Bloque de constitucionalidad \u00a0 \u00a0 \u00a0 ACCION DE TUTELA-Procedencia como mecanismo transitorio para evitar un perjuicio irremediable \u00a0 \u00a0 \u00a0 ACCION DE TUTELA EN MATERIA DE SEGURIDAD SOCIAL-Procedencia \u00a0 SISTEMA DE SEGURIDAD SOCIAL INTEGRAL-Indemnizaci\u00f3n sustitutiva y devoluci\u00f3n de saldos de personas que cotizaron con anterioridad a la entrada en vigencia de la Ley 100\/93 \u00a0 \u00a0 \u00a0 SISTEMA DE SEGURIDAD SOCIAL EN PENSIONES-Indemnizaci\u00f3n sustitutiva en r\u00e9gimen de prima ...<br \/><div class=\"pt-cv-rmwrap\"><a href=\"https:\/\/www.dmsjuridica.com\/buscador_20179478954\/corteconstitucionalcronologico202454587\/t-338-12\/\" class=\"_self pt-cv-readmore btn btn-success\" target=\"_self\">Ver Sentencia Completa...<\/a><\/div><\/div><\/div><\/div>\n<div class=\"col-md-12 col-sm-12 col-xs-12 pt-cv-content-item pt-cv-1-col\" ><div class='pt-cv-ifield'><a href=\"https:\/\/www.dmsjuridica.com\/buscador_20179478954\/corteconstitucionalcronologico202454587\/t-337-12\/\" class=\"_self pt-cv-href-thumbnail pt-cv-thumb-default\" target=\"_self\" ><\/a>\n<div class=\"pt-cv-taxoterm above_title\"><a href='https:\/\/www.dmsjuridica.com\/buscador_20179478954\/corteconstitucionalcronologico202454587\/category\/buscar-en-toda-la-corte\/2012\/tutelas-2012\/' title='Tutelas 2012' class='pt-cv-tax-tutelas-2012'>Tutelas 2012<\/a><\/div>\n<h4 class=\"pt-cv-title\"><a href=\"https:\/\/www.dmsjuridica.com\/buscador_20179478954\/corteconstitucionalcronologico202454587\/t-337-12\/\" class=\"_self\" target=\"_self\" >T-337-12<\/a><\/h4>\n<div class=\"pt-cv-content\">\u00a0 \u00a0 Sentencia T-337\/12 \u00a0 JUNTA DE CALIFICACION DE INVALIDEZ-Inasistencia de pacientes a examen f\u00edsico para valorar estado de salud seg\u00fan Decreto 2463\/01 \u00a0 \u00a0 \u00a0 CONTROVERSIA SOBRE DICTAMEN DE JUNTA DE CALIFICACION DE INVALIDEZ-Competencia de justicia laboral ordinaria \u00a0 \u00a0 \u00a0 ACCION DE TUTELA CONTRA DICTAMEN DE JUNTA DE CALIFICACION DE INVALIDEZ-Procedencia excepcional por estado de indefensi\u00f3n o debilidad manifiesta a\u00fan cuando exista otro medio de defensa judicial \u00a0 \u00a0 \u00a0 PRESTACION DE INVALIDEZ-Debe tomar en cuenta la incapacidad para ejercer una actividad que proporcione ingreso que permita una congrua subsistencia \u00a0 \u00a0 \u00a0 SISTEMA DE SEGURIDAD SOCIAL EN ...<br \/><div class=\"pt-cv-rmwrap\"><a href=\"https:\/\/www.dmsjuridica.com\/buscador_20179478954\/corteconstitucionalcronologico202454587\/t-337-12\/\" class=\"_self pt-cv-readmore btn btn-success\" target=\"_self\">Ver Sentencia Completa...<\/a><\/div><\/div><\/div><\/div>\n<div class=\"col-md-12 col-sm-12 col-xs-12 pt-cv-content-item pt-cv-1-col\" ><div class='pt-cv-ifield'><a href=\"https:\/\/www.dmsjuridica.com\/buscador_20179478954\/corteconstitucionalcronologico202454587\/t-329-12\/\" class=\"_self pt-cv-href-thumbnail pt-cv-thumb-default\" target=\"_self\" ><\/a>\n<div class=\"pt-cv-taxoterm above_title\"><a href='https:\/\/www.dmsjuridica.com\/buscador_20179478954\/corteconstitucionalcronologico202454587\/category\/buscar-en-toda-la-corte\/2012\/tutelas-2012\/' title='Tutelas 2012' class='pt-cv-tax-tutelas-2012'>Tutelas 2012<\/a><\/div>\n<h4 class=\"pt-cv-title\"><a href=\"https:\/\/www.dmsjuridica.com\/buscador_20179478954\/corteconstitucionalcronologico202454587\/t-329-12\/\" class=\"_self\" target=\"_self\" >T-329-12<\/a><\/h4>\n<div class=\"pt-cv-content\">\u00a0 \u00a0 Sentencia T-329\/12 \u00a0 ADULTO MAYOR-Sujeto de especial protecci\u00f3n constitucional \u00a0 \u00a0 \u00a0 DERECHO A LA SEGURIDAD SOCIAL DE LOS ADULTOS MAYORES-Acceso irrenunciable a la pensi\u00f3n de vejez \u00a0 \u00a0 \u00a0 DERECHO A LA SEGURIDAD SOCIAL-Fundamental e irrenunciable \u00a0 ACCION DE TUTELA PARA PROTEGER EL DERECHO A LA SEGURIDAD SOCIAL EN MATERIA DE RECONOCIMIENTO DE PENSION DE VEJEZ-Procedencia \u00a0 \u00a0 \u00a0 ACCION DE TUTELA PARA RECONOCIMIENTO DE PENSION DE VEJEZ-Procedencia por configuraci\u00f3n de un perjuicio irremediable pese a la existencia de otros mecanismos judiciales \u00a0 \u00a0 \u00a0 DERECHOS ADQUIRIDOS EN MATERIA LABORAL Y PENSIONAL-Reiteraci\u00f3n de jurisprudencia \u00a0 \u00a0 \u00a0 ...<br \/><div class=\"pt-cv-rmwrap\"><a href=\"https:\/\/www.dmsjuridica.com\/buscador_20179478954\/corteconstitucionalcronologico202454587\/t-329-12\/\" class=\"_self pt-cv-readmore btn btn-success\" target=\"_self\">Ver Sentencia Completa...<\/a><\/div><\/div><\/div><\/div>\n<div class=\"col-md-12 col-sm-12 col-xs-12 pt-cv-content-item pt-cv-1-col\" ><div class='pt-cv-ifield'><a href=\"https:\/\/www.dmsjuridica.com\/buscador_20179478954\/corteconstitucionalcronologico202454587\/t-328-12\/\" class=\"_self pt-cv-href-thumbnail pt-cv-thumb-default\" target=\"_self\" ><\/a>\n<div class=\"pt-cv-taxoterm above_title\"><a href='https:\/\/www.dmsjuridica.com\/buscador_20179478954\/corteconstitucionalcronologico202454587\/category\/buscar-en-toda-la-corte\/2012\/tutelas-2012\/' title='Tutelas 2012' class='pt-cv-tax-tutelas-2012'>Tutelas 2012<\/a><\/div>\n<h4 class=\"pt-cv-title\"><a href=\"https:\/\/www.dmsjuridica.com\/buscador_20179478954\/corteconstitucionalcronologico202454587\/t-328-12\/\" class=\"_self\" target=\"_self\" >T-328-12<\/a><\/h4>\n<div class=\"pt-cv-content\">\u00a0 \u00a0 Sentencia T-328\/12 \u00a0 ACCION DE TUTELA DE SOLDADO EN PROCESO PENAL CONTRA INSTITUTO NACIONAL PENITENCIARIO Y CARCELARIO INPEC-Traslado de interno a Batall\u00f3n de Servicio por estar recluido con integrantes de grupos guerrilleros \u00a0 \u00a0 \u00a0 VIDA-Protecci\u00f3n constitucional como principio o derecho \u00a0 \u00a0 \u00a0 DERECHO A LA VIDA-Car\u00e1cter fundamental, inalienable e inviolable \u00a0 \u00a0 \u00a0 OBLIGACION DE AUTORIDADES PUBLICAS DE PROTEGER EL DERECHO A LA VIDA-Juez constitucional debe ser indiferente respecto del sujeto que con sus actuaciones amenaza tal derecho \u00a0 \u00a0 \u00a0 RESPONSABILIDAD DEL ESTADO DE PROTEGER LA VIDA DE INTERNOS EN CENTROS DE RECLUSION-Obligaci\u00f3n de resultado ...<br \/><div class=\"pt-cv-rmwrap\"><a href=\"https:\/\/www.dmsjuridica.com\/buscador_20179478954\/corteconstitucionalcronologico202454587\/t-328-12\/\" class=\"_self pt-cv-readmore btn btn-success\" target=\"_self\">Ver Sentencia Completa...<\/a><\/div><\/div><\/div><\/div>\n<div class=\"col-md-12 col-sm-12 col-xs-12 pt-cv-content-item pt-cv-1-col\" ><div class='pt-cv-ifield'><a href=\"https:\/\/www.dmsjuridica.com\/buscador_20179478954\/corteconstitucionalcronologico202454587\/t-327-12\/\" class=\"_self pt-cv-href-thumbnail pt-cv-thumb-default\" target=\"_self\" ><\/a>\n<div class=\"pt-cv-taxoterm above_title\"><a href='https:\/\/www.dmsjuridica.com\/buscador_20179478954\/corteconstitucionalcronologico202454587\/category\/buscar-en-toda-la-corte\/2012\/tutelas-2012\/' title='Tutelas 2012' class='pt-cv-tax-tutelas-2012'>Tutelas 2012<\/a><\/div>\n<h4 class=\"pt-cv-title\"><a href=\"https:\/\/www.dmsjuridica.com\/buscador_20179478954\/corteconstitucionalcronologico202454587\/t-327-12\/\" class=\"_self\" target=\"_self\" >T-327-12<\/a><\/h4>\n<div class=\"pt-cv-content\">\u00a0 \u00a0 Sentencia T-327\/12 \u00a0 (Bogot\u00e1 D.C., mayo 3) \u00a0 ACCION DE TUTELA PARA RECONOCIMIENTO DE PENSION DE INVALIDEZ-Procedencia para proteger derechos fundamentales al m\u00ednimo vital y a la seguridad social \u00a0 RECONOCIMIENTO Y PAGO DE PENSION DE INVALIDEZ-Requisitos \u00a0 ACCION DE TUTELA PARA RECONOCIMIENTO DE PENSION DE INVALIDEZ-Procedencia excepcional\u00a0 \u00a0 FECHA DE ESTRUCTURACION DE LA INVALIDEZ-Concepto \u00a0 FECHA DE ESTRUCTURACION DE INVALIDEZ POR PERDIDA DE CAPACIDAD LABORAL-Se deben tener en cuenta historia cl\u00ednica y ex\u00e1menes m\u00e9dicos \u00a0 PRINCIPIO DE INMEDIATEZ-Reiteraci\u00f3n de jurisprudencia \u00a0 PRINCIPIO DE INMEDIATEZ-Excepciones respecto a las personas de la tercera edad y en mal estado de ...<br \/><div class=\"pt-cv-rmwrap\"><a href=\"https:\/\/www.dmsjuridica.com\/buscador_20179478954\/corteconstitucionalcronologico202454587\/t-327-12\/\" class=\"_self pt-cv-readmore btn btn-success\" target=\"_self\">Ver Sentencia Completa...<\/a><\/div><\/div><\/div><\/div>\n<div class=\"col-md-12 col-sm-12 col-xs-12 pt-cv-content-item pt-cv-1-col\" ><div class='pt-cv-ifield'><a href=\"https:\/\/www.dmsjuridica.com\/buscador_20179478954\/corteconstitucionalcronologico202454587\/t-326-12\/\" class=\"_self pt-cv-href-thumbnail pt-cv-thumb-default\" target=\"_self\" ><\/a>\n<div class=\"pt-cv-taxoterm above_title\"><a href='https:\/\/www.dmsjuridica.com\/buscador_20179478954\/corteconstitucionalcronologico202454587\/category\/buscar-en-toda-la-corte\/2012\/tutelas-2012\/' title='Tutelas 2012' class='pt-cv-tax-tutelas-2012'>Tutelas 2012<\/a><\/div>\n<h4 class=\"pt-cv-title\"><a href=\"https:\/\/www.dmsjuridica.com\/buscador_20179478954\/corteconstitucionalcronologico202454587\/t-326-12\/\" class=\"_self\" target=\"_self\" >T-326-12<\/a><\/h4>\n<div class=\"pt-cv-content\">\u00a0 \u00a0 \u00a0\u00a0 Sentencias T-326\/12\u00a0 \u00a0 (Bogot\u00e1 DC, mayo 3 de 2012) \u00a0 ECOPETROL-Sociedad de econom\u00eda mixta de naturaleza estatal\u00a0adscrita al Ministerio de Minas y Energ\u00eda \u00a0 TEMERIDAD-Configuraci\u00f3n \u00a0 \u00a0 \u00a0 COMPETENCIA A PREVENCION EN TUTELA-Conocimiento de los jueces o tribunales del lugar donde ocurri\u00f3 la violaci\u00f3n o amenaza que motiv\u00f3 la solicitud \u00a0 \u00a0 \u00a0 PRINCIPIO DE INMEDIATEZ-T\u00e9rmino razonable y proporcionado \u00a0 \u00a0 \u00a0 PRINCIPIO DE INMEDIATEZ-Casos en que no es exigible de manera estricta \u00a0 \u00a0 \u00a0 ACCION DE TUTELA CONTRA ECOPETROL-Improcedencia de reintegro de trabajadora por incumplimiento del requisito de inmediatez \u00a0 Referencia: expediente T-3.258.961 \u00a0 Accionante: ...<br \/><div class=\"pt-cv-rmwrap\"><a href=\"https:\/\/www.dmsjuridica.com\/buscador_20179478954\/corteconstitucionalcronologico202454587\/t-326-12\/\" class=\"_self pt-cv-readmore btn btn-success\" target=\"_self\">Ver Sentencia Completa...<\/a><\/div><\/div><\/div><\/div>\n<div class=\"col-md-12 col-sm-12 col-xs-12 pt-cv-content-item pt-cv-1-col\" ><div class='pt-cv-ifield'><a href=\"https:\/\/www.dmsjuridica.com\/buscador_20179478954\/corteconstitucionalcronologico202454587\/t-325-12\/\" class=\"_self pt-cv-href-thumbnail pt-cv-thumb-default\" target=\"_self\" ><\/a>\n<div class=\"pt-cv-taxoterm above_title\"><a href='https:\/\/www.dmsjuridica.com\/buscador_20179478954\/corteconstitucionalcronologico202454587\/category\/buscar-en-toda-la-corte\/2012\/tutelas-2012\/' title='Tutelas 2012' class='pt-cv-tax-tutelas-2012'>Tutelas 2012<\/a><\/div>\n<h4 class=\"pt-cv-title\"><a href=\"https:\/\/www.dmsjuridica.com\/buscador_20179478954\/corteconstitucionalcronologico202454587\/t-325-12\/\" class=\"_self\" target=\"_self\" >T-325-12<\/a><\/h4>\n<div class=\"pt-cv-content\">\u00a0 \u00a0 Sentencia T-325\/12 \u00a0 \u00a0(Bogot\u00e1, D.C., Mayo 3 de 2012) \u00a0 ACCION DE TUTELA EN MATERIA DE DERECHO DE PETICION-Procedencia de manera directa por ser derecho fundamental de aplicaci\u00f3n inmediata \u00a0 \u00a0 \u00a0 PRINCIPIO DE SUBSIDIARIEDAD-No se debe imponer carga desproporcionada a quien no es capaz de soportarla \u00a0 \u00a0 \u00a0 ACCION DE TUTELA Y REQUISITO DE SUBSIDIARIEDAD-Flexibilidad en caso de sujetos de especial protecci\u00f3n constitucional \u00a0 \u00a0 \u00a0 DERECHO DE PETICION-Fundamental \u00a0 \u00a0 \u00a0 DERECHO DE PETICION-Respuesta oportuna y de fondo \u00a0 \u00a0 \u00a0 DERECHO DE PETICION EN REVOCATORIA DIRECTA DE ACTO ADMINISTRATIVO-Reiteraci\u00f3n de jurisprudencia \u00a0 \u00a0 \u00a0 ...<br \/><div class=\"pt-cv-rmwrap\"><a href=\"https:\/\/www.dmsjuridica.com\/buscador_20179478954\/corteconstitucionalcronologico202454587\/t-325-12\/\" class=\"_self pt-cv-readmore btn btn-success\" target=\"_self\">Ver Sentencia Completa...<\/a><\/div><\/div><\/div><\/div>\n<div class=\"col-md-12 col-sm-12 col-xs-12 pt-cv-content-item pt-cv-1-col\" ><div class='pt-cv-ifield'><a href=\"https:\/\/www.dmsjuridica.com\/buscador_20179478954\/corteconstitucionalcronologico202454587\/t-324-12\/\" class=\"_self pt-cv-href-thumbnail pt-cv-thumb-default\" target=\"_self\" ><\/a>\n<div class=\"pt-cv-taxoterm above_title\"><a href='https:\/\/www.dmsjuridica.com\/buscador_20179478954\/corteconstitucionalcronologico202454587\/category\/buscar-en-toda-la-corte\/2012\/tutelas-2012\/' title='Tutelas 2012' class='pt-cv-tax-tutelas-2012'>Tutelas 2012<\/a><\/div>\n<h4 class=\"pt-cv-title\"><a href=\"https:\/\/www.dmsjuridica.com\/buscador_20179478954\/corteconstitucionalcronologico202454587\/t-324-12\/\" class=\"_self\" target=\"_self\" >T-324-12<\/a><\/h4>\n<div class=\"pt-cv-content\">\u00a0 \u00a0 Sentencia T-324\/12 \u00a0 ACCION DE TUTELA CONTRA PROVIDENCIAS JUDICIALES-Reiteraci\u00f3n de jurisprudencia sobre procedencia excepcional\u00a0 \u00a0 \u00a0 \u00a0 ACCION DE TUTELA CONTRA PROVIDENCIAS JUDICIALES-Requisitos generales o formales de procedencia \u00a0 \u00a0 \u00a0 ACCION DE TUTELA CONTRA PROVIDENCIAS JUDICIALES-Causales especiales o materiales de procedencia \u00a0 \u00a0 \u00a0 ACCION DE TUTELA-Procedencia cuando no exista otro medio de defensa judicial\/ACCION DE TUTELA-No es un medio adicional o complementario \u00a0 \u00a0 \u00a0 ACCION DE TUTELA EN PROCESO ORDINARIO LABORAL CONTRA COOPERATIVA-Improcedencia por existir otro mecanismo de defensa judicial y no cumplir el requisito de inmediatez \u00a0 Referencia:\u00a0 \u00a0 Expediente T-3.302.149 \u00a0 Accionante:\u00a0 \u00a0 ...<br \/><div class=\"pt-cv-rmwrap\"><a href=\"https:\/\/www.dmsjuridica.com\/buscador_20179478954\/corteconstitucionalcronologico202454587\/t-324-12\/\" class=\"_self pt-cv-readmore btn btn-success\" target=\"_self\">Ver Sentencia Completa...<\/a><\/div><\/div><\/div><\/div>\n<div class=\"col-md-12 col-sm-12 col-xs-12 pt-cv-content-item pt-cv-1-col\" ><div class='pt-cv-ifield'><a href=\"https:\/\/www.dmsjuridica.com\/buscador_20179478954\/corteconstitucionalcronologico202454587\/t-323-12\/\" class=\"_self pt-cv-href-thumbnail pt-cv-thumb-default\" target=\"_self\" ><\/a>\n<div class=\"pt-cv-taxoterm above_title\"><a href='https:\/\/www.dmsjuridica.com\/buscador_20179478954\/corteconstitucionalcronologico202454587\/category\/buscar-en-toda-la-corte\/2012\/tutelas-2012\/' title='Tutelas 2012' class='pt-cv-tax-tutelas-2012'>Tutelas 2012<\/a><\/div>\n<h4 class=\"pt-cv-title\"><a href=\"https:\/\/www.dmsjuridica.com\/buscador_20179478954\/corteconstitucionalcronologico202454587\/t-323-12\/\" class=\"_self\" target=\"_self\" >T-323-12<\/a><\/h4>\n<div class=\"pt-cv-content\">\u00a0 \u00a0 Sentencia T-323\/12 \u00a0 \u00a0 \u00a0 PROCESO EJECUTIVO HIPOTECARIO-Solicitud declaraci\u00f3n de nulidad por indebida notificaci\u00f3n del auto de mandamiento de pago y del que lo corrigi\u00f3 \u00a0 \u00a0 \u00a0 ACCION DE TUTELA CONTRA PROVIDENCIAS JUDICIALES-Procedencia excepcional \u00a0 \u00a0 \u00a0 ACCION DE TUTELA CONTRA PROVIDENCIAS JUDICIALES-Requisitos generales o formales de procedencia \u00a0 \u00a0 \u00a0 ACCION DE TUTELA CONTRA PROVIDENCIAS JUDICIALES-Causales especiales o materiales de procedencia \u00a0 \u00a0 \u00a0 REQUISITO DE INMEDIATEZ DE LA ACCION DE TUTELA-T\u00e9rmino prudencial y razonable \u00a0 \u00a0 \u00a0 ACCION DE TUTELA CONTRA PROVIDENCIAS JUDICIALES-Caducidad \u00a0 \u00a0 \u00a0 PRINCIPIO DE INMEDIATEZ-Plazo razonable para presentar tutela debe determinarse ...<br \/><div class=\"pt-cv-rmwrap\"><a href=\"https:\/\/www.dmsjuridica.com\/buscador_20179478954\/corteconstitucionalcronologico202454587\/t-323-12\/\" class=\"_self pt-cv-readmore btn btn-success\" target=\"_self\">Ver Sentencia Completa...<\/a><\/div><\/div><\/div><\/div>\n<div class=\"col-md-12 col-sm-12 col-xs-12 pt-cv-content-item pt-cv-1-col\" ><div class='pt-cv-ifield'><a href=\"https:\/\/www.dmsjuridica.com\/buscador_20179478954\/corteconstitucionalcronologico202454587\/t-322-12\/\" class=\"_self pt-cv-href-thumbnail pt-cv-thumb-default\" target=\"_self\" ><\/a>\n<div class=\"pt-cv-taxoterm above_title\"><a href='https:\/\/www.dmsjuridica.com\/buscador_20179478954\/corteconstitucionalcronologico202454587\/category\/buscar-en-toda-la-corte\/2012\/tutelas-2012\/' title='Tutelas 2012' class='pt-cv-tax-tutelas-2012'>Tutelas 2012<\/a><\/div>\n<h4 class=\"pt-cv-title\"><a href=\"https:\/\/www.dmsjuridica.com\/buscador_20179478954\/corteconstitucionalcronologico202454587\/t-322-12\/\" class=\"_self\" target=\"_self\" >T-322-12<\/a><\/h4>\n<div class=\"pt-cv-content\">\u00a0 \u00a0 Sentencia T-322\/12 \u00a0 LEGITIMACION POR ACTIVA EN TUTELA-Requisito de procedibilidad \u00a0 \u00a0 \u00a0 DERECHO A LA SALUD DE LOS NI\u00d1OS COMO FUNDAMENTAL-Reiteraci\u00f3n de jurisprudencia \u00a0 \u00a0 \u00a0 DERECHO A LA SALUD DE NI\u00d1OS CON DISCAPACIDAD-Protecci\u00f3n por su condici\u00f3n f\u00edsica o mental \u00a0 DERECHO A LA SALUD DE NI\u00d1OS CON DISCAPACIDAD-Estado debe brindar la totalidad del tratamiento previsto para su recuperaci\u00f3n y mejorar la calidad de vida \u00a0 \u00a0 \u00a0 PRINCIPIO DE INTEGRALIDAD DEL DERECHO A LA SALUD-Tratamiento integral prescrito por m\u00e9dico tratante \u00a0 \u00a0 \u00a0 PRINCIPIO DE INTEGRALIDAD DEL DERECHO A LA SALUD Y SUJETOS DE ESPECIAL PROTECCION-Atenci\u00f3n ...<br \/><div class=\"pt-cv-rmwrap\"><a href=\"https:\/\/www.dmsjuridica.com\/buscador_20179478954\/corteconstitucionalcronologico202454587\/t-322-12\/\" class=\"_self pt-cv-readmore btn btn-success\" target=\"_self\">Ver Sentencia Completa...<\/a><\/div><\/div><\/div><\/div>\n<div class=\"col-md-12 col-sm-12 col-xs-12 pt-cv-content-item pt-cv-1-col\" ><div class='pt-cv-ifield'><a href=\"https:\/\/www.dmsjuridica.com\/buscador_20179478954\/corteconstitucionalcronologico202454587\/t-321-12\/\" class=\"_self pt-cv-href-thumbnail pt-cv-thumb-default\" target=\"_self\" ><\/a>\n<div class=\"pt-cv-taxoterm above_title\"><a href='https:\/\/www.dmsjuridica.com\/buscador_20179478954\/corteconstitucionalcronologico202454587\/category\/buscar-en-toda-la-corte\/2012\/tutelas-2012\/' title='Tutelas 2012' class='pt-cv-tax-tutelas-2012'>Tutelas 2012<\/a><\/div>\n<h4 class=\"pt-cv-title\"><a href=\"https:\/\/www.dmsjuridica.com\/buscador_20179478954\/corteconstitucionalcronologico202454587\/t-321-12\/\" class=\"_self\" target=\"_self\" >T-321-12<\/a><\/h4>\n<div class=\"pt-cv-content\">\u00a0 \u00a0 \u00a0 \u00a0 Sentencia T-321\/12 \u00a0 AGENCIA OFICIOSA EN TUTELA\/LEGITIMACION POR ACTIVA EN TUTELA \u00a0 DERECHO FUNDAMENTAL A LA SALUD-Reiteraci\u00f3n de jurisprudencia \u00a0 DEBER DE ATENCION DE LAS EPS A LOS PACIENTES-Casos en que el m\u00e9dico o la IPS no vinculados a su red de servicios han prescrito un determinado tratamiento \u00a0 DERECHO A LA SALUD DEL INTERNO \u00a0 PRINCIPIO DE INTEGRALIDAD EN EL SISTEMA DE SEGURIDAD SOCIAL EN SALUD \u00a0 Referencia: expedientes T-3308935, T-3313557, T-3316221 y T-3316412, acumulados. \u00a0 \u00a0 \u00a0 \u00a0 \u00a0 \u00a0 Acciones de tutela instauradas por Jos\u00e9 Iv\u00e1n Gonz\u00e1lez Hern\u00e1ndez contra Saludvida EPS (T-3308935); Jes\u00fas ...<br \/><div class=\"pt-cv-rmwrap\"><a href=\"https:\/\/www.dmsjuridica.com\/buscador_20179478954\/corteconstitucionalcronologico202454587\/t-321-12\/\" class=\"_self pt-cv-readmore btn btn-success\" target=\"_self\">Ver Sentencia Completa...<\/a><\/div><\/div><\/div><\/div>\n<div class=\"col-md-12 col-sm-12 col-xs-12 pt-cv-content-item pt-cv-1-col\" ><div class='pt-cv-ifield'><a href=\"https:\/\/www.dmsjuridica.com\/buscador_20179478954\/corteconstitucionalcronologico202454587\/t-320-12\/\" class=\"_self pt-cv-href-thumbnail pt-cv-thumb-default\" target=\"_self\" ><\/a>\n<div class=\"pt-cv-taxoterm above_title\"><a href='https:\/\/www.dmsjuridica.com\/buscador_20179478954\/corteconstitucionalcronologico202454587\/category\/buscar-en-toda-la-corte\/2012\/tutelas-2012\/' title='Tutelas 2012' class='pt-cv-tax-tutelas-2012'>Tutelas 2012<\/a><\/div>\n<h4 class=\"pt-cv-title\"><a href=\"https:\/\/www.dmsjuridica.com\/buscador_20179478954\/corteconstitucionalcronologico202454587\/t-320-12\/\" class=\"_self\" target=\"_self\" >T-320-12<\/a><\/h4>\n<div class=\"pt-cv-content\">\u00a0 \u00a0 Sentencia T-320\/12 \u00a0 ACCION DE TUTELA CONTRA PROVIDENCIAS JUDICIALES-Procedencia en caso de pensi\u00f3n de jubilaci\u00f3n de persona de 79 a\u00f1os \u00a0 Para que proceda la acci\u00f3n de tutela contra providencias judiciales es necesario que se evidencie (i) el cumplimiento de los requisitos generales de procedibilidad, (ii) la presencia de alguna de las causales espec\u00edficas de prosperidad y (iii) la existencia de una lesi\u00f3n a derechos fundamentales del actor \u00a0 CONCILIACION COMO MECANISMO ALTERNATIVO DE SOLUCION DE CONTROVERSIAS-Inspiraci\u00f3n, alcance, l\u00edmites y funci\u00f3n del conciliador \u00a0 DERECHOS CIERTOS E INDISCUTIBLES EN EL DERECHO LABORAL Y LA SEGURIDAD SOCIAL COMO LIMITE ...<br \/><div class=\"pt-cv-rmwrap\"><a href=\"https:\/\/www.dmsjuridica.com\/buscador_20179478954\/corteconstitucionalcronologico202454587\/t-320-12\/\" class=\"_self pt-cv-readmore btn btn-success\" target=\"_self\">Ver Sentencia Completa...<\/a><\/div><\/div><\/div><\/div>\n<div class=\"col-md-12 col-sm-12 col-xs-12 pt-cv-content-item pt-cv-1-col\" ><div class='pt-cv-ifield'><a href=\"https:\/\/www.dmsjuridica.com\/buscador_20179478954\/corteconstitucionalcronologico202454587\/t-319-12\/\" class=\"_self pt-cv-href-thumbnail pt-cv-thumb-default\" target=\"_self\" ><\/a>\n<div class=\"pt-cv-taxoterm above_title\"><a href='https:\/\/www.dmsjuridica.com\/buscador_20179478954\/corteconstitucionalcronologico202454587\/category\/buscar-en-toda-la-corte\/2012\/tutelas-2012\/' title='Tutelas 2012' class='pt-cv-tax-tutelas-2012'>Tutelas 2012<\/a><\/div>\n<h4 class=\"pt-cv-title\"><a href=\"https:\/\/www.dmsjuridica.com\/buscador_20179478954\/corteconstitucionalcronologico202454587\/t-319-12\/\" class=\"_self\" target=\"_self\" >T-319-12<\/a><\/h4>\n<div class=\"pt-cv-content\">\u00a0 \u00a0 Sentencia T-319\/12 \u00a0 ACCION DE TUTELA CONTRA PROVIDENCIAS JUDICIALES-Procedencia excepcional \u00a0 \u00a0 \u00a0 ACCION DE TUTELA CONTRA PROVIDENCIAS JUDICIALES-Causales generales de procedibilidad \u00a0 \u00a0 \u00a0 ACCION DE TUTELA CONTRA PROVIDENCIAS JUDICIALES-Causales especiales de procedibilidad \u00a0 \u00a0 \u00a0 ACCION DE TUTELA CONTRA PROVIDENCIAS JUDICIALES-Causales gen\u00e9ricas de procedibilidad \u00a0 \u00a0 \u00a0 ACCION DE TUTELA CONTRA PROVIDENCIAS JUDICIALES-No toda irregularidad procesal o diferencia interpretativa configura v\u00eda de hecho \u00a0 \u00a0 \u00a0 ACCION DE TUTELA CONTRA PROVIDENCIAS JUDICIALES-Defecto sustantivo \u00a0 \u00a0 \u00a0 OBLIGACION FINANCIERA PARA ADQUISICION DE VIVIENDA-Antecedente f\u00e1ctico del desmonte del sistema UPAC \u00a0 \u00a0 \u00a0 LEY DE VIVIENDA-Aplicaci\u00f3n a personas ...<br \/><div class=\"pt-cv-rmwrap\"><a href=\"https:\/\/www.dmsjuridica.com\/buscador_20179478954\/corteconstitucionalcronologico202454587\/t-319-12\/\" class=\"_self pt-cv-readmore btn btn-success\" target=\"_self\">Ver Sentencia Completa...<\/a><\/div><\/div><\/div><\/div>\n<div class=\"col-md-12 col-sm-12 col-xs-12 pt-cv-content-item pt-cv-1-col\" ><div class='pt-cv-ifield'><a href=\"https:\/\/www.dmsjuridica.com\/buscador_20179478954\/corteconstitucionalcronologico202454587\/t-314-12\/\" class=\"_self pt-cv-href-thumbnail pt-cv-thumb-default\" target=\"_self\" ><\/a>\n<div class=\"pt-cv-taxoterm above_title\"><a href='https:\/\/www.dmsjuridica.com\/buscador_20179478954\/corteconstitucionalcronologico202454587\/category\/buscar-en-toda-la-corte\/2012\/tutelas-2012\/' title='Tutelas 2012' class='pt-cv-tax-tutelas-2012'>Tutelas 2012<\/a><\/div>\n<h4 class=\"pt-cv-title\"><a href=\"https:\/\/www.dmsjuridica.com\/buscador_20179478954\/corteconstitucionalcronologico202454587\/t-314-12\/\" class=\"_self\" target=\"_self\" >T-314-12<\/a><\/h4>\n<div class=\"pt-cv-content\">\u00a0 \u00a0 Sentencia T-314\/12 \u00a0 DERECHO A LA VIVIENDA DIGNA-Naturaleza jur\u00eddica y alcance \u00a0 El derecho a una vivienda digna consagrado en el art\u00edculo 51 de la Constituci\u00f3n no fue inicialmente tratado por la jurisprudencia como un derecho fundamental que pudiera ser exigido a trav\u00e9s de la acci\u00f3n de tutela, por encontrarse dentro de los denominados derechos de segunda generaci\u00f3n \u2013econ\u00f3micos, sociales y culturales- que se caracterizan principalmente por su contenido prestacional. Adem\u00e1s, se se\u00f1alaba que dicho derecho requiere de un desarrollo legal previo que garantice su eficacia \u00a0 DERECHO A LA VIVIENDA DIGNA-Desarrollo jurisprudencial\/DERECHO A LA VIVIENDA DIGNA-Tesis de ...<br \/><div class=\"pt-cv-rmwrap\"><a href=\"https:\/\/www.dmsjuridica.com\/buscador_20179478954\/corteconstitucionalcronologico202454587\/t-314-12\/\" class=\"_self pt-cv-readmore btn btn-success\" target=\"_self\">Ver Sentencia Completa...<\/a><\/div><\/div><\/div><\/div>\n<div class=\"col-md-12 col-sm-12 col-xs-12 pt-cv-content-item pt-cv-1-col\" ><div class='pt-cv-ifield'><a href=\"https:\/\/www.dmsjuridica.com\/buscador_20179478954\/corteconstitucionalcronologico202454587\/t-313-12\/\" class=\"_self pt-cv-href-thumbnail pt-cv-thumb-default\" target=\"_self\" ><\/a>\n<div class=\"pt-cv-taxoterm above_title\"><a href='https:\/\/www.dmsjuridica.com\/buscador_20179478954\/corteconstitucionalcronologico202454587\/category\/buscar-en-toda-la-corte\/2012\/tutelas-2012\/' title='Tutelas 2012' class='pt-cv-tax-tutelas-2012'>Tutelas 2012<\/a><\/div>\n<h4 class=\"pt-cv-title\"><a href=\"https:\/\/www.dmsjuridica.com\/buscador_20179478954\/corteconstitucionalcronologico202454587\/t-313-12\/\" class=\"_self\" target=\"_self\" >T-313-12<\/a><\/h4>\n<div class=\"pt-cv-content\">\u00a0 \u00a0 Sentencia T-313\/12 \u00a0 ACCION DE TUTELA PARA REINTEGRO LABORAL DE TRABAJADORES DISCAPACITADOS-Procedencia excepcional por ser sujetos de especial protecci\u00f3n constitucional \u00a0 En el caso espec\u00edfico de la solicitud de reintegro al cargo a trav\u00e9s de la acci\u00f3n de tutela, se ha manifestado su improcedencia como regla general, toda vez que, existen otros mecanismos de defensa judicial a los cuales se puede acudir; tales como la jurisdicci\u00f3n ordinaria laboral y la jurisdicci\u00f3n de lo contencioso administrativo. Sin embargo, la Corte ha establecido una excepci\u00f3n: Que se trate de un trabajador que se encuentre en situaci\u00f3n de debilidad manifiesta o ...<br \/><div class=\"pt-cv-rmwrap\"><a href=\"https:\/\/www.dmsjuridica.com\/buscador_20179478954\/corteconstitucionalcronologico202454587\/t-313-12\/\" class=\"_self pt-cv-readmore btn btn-success\" target=\"_self\">Ver Sentencia Completa...<\/a><\/div><\/div><\/div><\/div>\n<div class=\"col-md-12 col-sm-12 col-xs-12 pt-cv-content-item pt-cv-1-col\" ><div class='pt-cv-ifield'><a href=\"https:\/\/www.dmsjuridica.com\/buscador_20179478954\/corteconstitucionalcronologico202454587\/t-312-12\/\" class=\"_self pt-cv-href-thumbnail pt-cv-thumb-default\" target=\"_self\" ><\/a>\n<div class=\"pt-cv-taxoterm above_title\"><a href='https:\/\/www.dmsjuridica.com\/buscador_20179478954\/corteconstitucionalcronologico202454587\/category\/buscar-en-toda-la-corte\/2012\/tutelas-2012\/' title='Tutelas 2012' class='pt-cv-tax-tutelas-2012'>Tutelas 2012<\/a><\/div>\n<h4 class=\"pt-cv-title\"><a href=\"https:\/\/www.dmsjuridica.com\/buscador_20179478954\/corteconstitucionalcronologico202454587\/t-312-12\/\" class=\"_self\" target=\"_self\" >T-312-12<\/a><\/h4>\n<div class=\"pt-cv-content\">\u00a0 \u00a0 \u00a0\u00a0 Sentencia T-312\/12 \u00a0 ACCION DE TUTELA PARA SOLICITAR PROTECCION DEL DERECHO AL AGUA-Procedencia excepcional \u00a0 La Corte Constitucional se ha ocupado en varias ocasiones del estudio de la procedencia de la acci\u00f3n de tutela para la salvaguarda del derecho al agua, el cual ha sido analizado desde dos perspectivas ya que de acuerdo con el uso que se haga del mismo, se puede decir que es un derecho de car\u00e1cter fundamental, o un derecho colectivo, a partir de lo que se estructura la procedencia o no de la acci\u00f3n de tutela en estos casos, ya que como ...<br \/><div class=\"pt-cv-rmwrap\"><a href=\"https:\/\/www.dmsjuridica.com\/buscador_20179478954\/corteconstitucionalcronologico202454587\/t-312-12\/\" class=\"_self pt-cv-readmore btn btn-success\" target=\"_self\">Ver Sentencia Completa...<\/a><\/div><\/div><\/div><\/div>\n<div class=\"col-md-12 col-sm-12 col-xs-12 pt-cv-content-item pt-cv-1-col\" ><div class='pt-cv-ifield'><a href=\"https:\/\/www.dmsjuridica.com\/buscador_20179478954\/corteconstitucionalcronologico202454587\/t-311-12\/\" class=\"_self pt-cv-href-thumbnail pt-cv-thumb-default\" target=\"_self\" ><\/a>\n<div class=\"pt-cv-taxoterm above_title\"><a href='https:\/\/www.dmsjuridica.com\/buscador_20179478954\/corteconstitucionalcronologico202454587\/category\/buscar-en-toda-la-corte\/2012\/tutelas-2012\/' title='Tutelas 2012' class='pt-cv-tax-tutelas-2012'>Tutelas 2012<\/a><\/div>\n<h4 class=\"pt-cv-title\"><a href=\"https:\/\/www.dmsjuridica.com\/buscador_20179478954\/corteconstitucionalcronologico202454587\/t-311-12\/\" class=\"_self\" target=\"_self\" >T-311-12<\/a><\/h4>\n<div class=\"pt-cv-content\">\u00a0 \u00a0 Sentencia T-311\/12\u00a0 \u00a0 ACCION DE TUTELA CONTRA COOMEVA EPS- Caso en el que se niegan medicamentos a paciente con Diabetes Mellitus Tipo 2 \u00a0 DERECHO A LA SALUD-Concepto \u00a0 ACCION DE TUTELA-Carencia actual de objeto por hecho superado \u00a0 HECHO SUPERADO-Reiteraci\u00f3n de jurisprudencia \u00a0 La acci\u00f3n de tutela fue instituida por el Constituyente para la protecci\u00f3n de los derechos constitucionales fundamentales de las personas. En este sentido, la Corporaci\u00f3n ha estudiado la situaci\u00f3n que se genera cuando en el tr\u00e1mite del amparo, la vulneraci\u00f3n a las garant\u00edas constitucionales cesa, y por tanto, se genera la imposibilidad de efectuar ...<br \/><div class=\"pt-cv-rmwrap\"><a href=\"https:\/\/www.dmsjuridica.com\/buscador_20179478954\/corteconstitucionalcronologico202454587\/t-311-12\/\" class=\"_self pt-cv-readmore btn btn-success\" target=\"_self\">Ver Sentencia Completa...<\/a><\/div><\/div><\/div><\/div>\n<div class=\"col-md-12 col-sm-12 col-xs-12 pt-cv-content-item pt-cv-1-col\" ><div class='pt-cv-ifield'><a href=\"https:\/\/www.dmsjuridica.com\/buscador_20179478954\/corteconstitucionalcronologico202454587\/t-310-12\/\" class=\"_self pt-cv-href-thumbnail pt-cv-thumb-default\" target=\"_self\" ><\/a>\n<div class=\"pt-cv-taxoterm above_title\"><a href='https:\/\/www.dmsjuridica.com\/buscador_20179478954\/corteconstitucionalcronologico202454587\/category\/buscar-en-toda-la-corte\/2012\/tutelas-2012\/' title='Tutelas 2012' class='pt-cv-tax-tutelas-2012'>Tutelas 2012<\/a><\/div>\n<h4 class=\"pt-cv-title\"><a href=\"https:\/\/www.dmsjuridica.com\/buscador_20179478954\/corteconstitucionalcronologico202454587\/t-310-12\/\" class=\"_self\" target=\"_self\" >T-310-12<\/a><\/h4>\n<div class=\"pt-cv-content\">\u00a0 \u00a0 Sentencia T-310\/12 \u00a0 ACCION DE TUTELA CONTRA LA ALCALDIA Y LA SECRETARIA DE HACIENDA DEL MUNICIPIO DE FUNDACION-MAGDALENA-Caso en el que se niega el pago de algunas acreencias argumentando estar bajo el proceso de reestructuraci\u00f3n de la Ley 550 de 1999 \u00a0 ACCION DE TUTELA-Improcedencia para cobro deudas pendientes \u00a0 LEY 550 DE 1999-Alcance \u00a0 ACUERDOS DE REESTRUCTURACION EN ENTIDADES TERRITORIALES-Determinaci\u00f3n de deudas existentes \u00a0 La Ley 550 de 1999 se aplica tambi\u00e9n a las entidades territoriales pero, dada la especificidad de la crisis econ\u00f3mica que las afecta, contempla una serie de reglas especiales que van desde la ...<br \/><div class=\"pt-cv-rmwrap\"><a href=\"https:\/\/www.dmsjuridica.com\/buscador_20179478954\/corteconstitucionalcronologico202454587\/t-310-12\/\" class=\"_self pt-cv-readmore btn btn-success\" target=\"_self\">Ver Sentencia Completa...<\/a><\/div><\/div><\/div><\/div>\n<div class=\"col-md-12 col-sm-12 col-xs-12 pt-cv-content-item pt-cv-1-col\" ><div class='pt-cv-ifield'><a href=\"https:\/\/www.dmsjuridica.com\/buscador_20179478954\/corteconstitucionalcronologico202454587\/t-309-12\/\" class=\"_self pt-cv-href-thumbnail pt-cv-thumb-default\" target=\"_self\" ><\/a>\n<div class=\"pt-cv-taxoterm above_title\"><a href='https:\/\/www.dmsjuridica.com\/buscador_20179478954\/corteconstitucionalcronologico202454587\/category\/buscar-en-toda-la-corte\/2012\/tutelas-2012\/' title='Tutelas 2012' class='pt-cv-tax-tutelas-2012'>Tutelas 2012<\/a><\/div>\n<h4 class=\"pt-cv-title\"><a href=\"https:\/\/www.dmsjuridica.com\/buscador_20179478954\/corteconstitucionalcronologico202454587\/t-309-12\/\" class=\"_self\" target=\"_self\" >T-309-12<\/a><\/h4>\n<div class=\"pt-cv-content\">\u00a0 \u00a0 Sentencia T-309\/12 \u00a0 ACCION DE TUTELA CONTRA PROVIDENCIAS JUDICIALES-Procedencia excepcional y subsidiaria \u00a0 Esta Corte ha sostenido de manera reiterada y uniforme que la acci\u00f3n de tutela procede de manera excepcional y subsidiaria contra providencias judiciales. Al respecto, en la sentencia T-570 de 2011 esta Sala de Revisi\u00f3n hizo un recuento sobre la evoluci\u00f3n de la jurisprudencia constitucional en esta materia, empezando por la tesis de la v\u00eda de hecho vertida en las sentencias C-543 de 1992 y\u00a0T-079 de 1993 y su redefinici\u00f3n en la sentencia\u00a0T-949 de 2003,\u00a0\u00a0entre otras, hasta llegar a su sistematizaci\u00f3n en la sentencia C-590 ...<br \/><div class=\"pt-cv-rmwrap\"><a href=\"https:\/\/www.dmsjuridica.com\/buscador_20179478954\/corteconstitucionalcronologico202454587\/t-309-12\/\" class=\"_self pt-cv-readmore btn btn-success\" target=\"_self\">Ver Sentencia Completa...<\/a><\/div><\/div><\/div><\/div>\n<div class=\"col-md-12 col-sm-12 col-xs-12 pt-cv-content-item pt-cv-1-col\" ><div class='pt-cv-ifield'><a href=\"https:\/\/www.dmsjuridica.com\/buscador_20179478954\/corteconstitucionalcronologico202454587\/t-308-12\/\" class=\"_self pt-cv-href-thumbnail pt-cv-thumb-default\" target=\"_self\" ><\/a>\n<div class=\"pt-cv-taxoterm above_title\"><a href='https:\/\/www.dmsjuridica.com\/buscador_20179478954\/corteconstitucionalcronologico202454587\/category\/buscar-en-toda-la-corte\/2012\/tutelas-2012\/' title='Tutelas 2012' class='pt-cv-tax-tutelas-2012'>Tutelas 2012<\/a><\/div>\n<h4 class=\"pt-cv-title\"><a href=\"https:\/\/www.dmsjuridica.com\/buscador_20179478954\/corteconstitucionalcronologico202454587\/t-308-12\/\" class=\"_self\" target=\"_self\" >T-308-12<\/a><\/h4>\n<div class=\"pt-cv-content\">\u00a0 \u00a0 Sentencia T-308\/12 \u00a0 ACCION DE TUTELA CONTRA NOTARIA PRIMERA DEL CIRCULO DE PASTO, REGISTRADURIA DEL ESTADO CIVIL Y HOSPITAL UNIVERSITARIO DEPARTAMENTAL DE NARI\u00d1O-Vulneraci\u00f3n de derechos fundamentales a la personalidad jur\u00eddica, a elegir y ser elegido, al debido proceso, a la salud y a la seguridad social \u00a0 DERECHO A LA PERSONALIDAD JURIDICA-Reiteraci\u00f3n de jurisprudencia \u00a0 La corte indic\u00f3 que el derecho a la personalidad jur\u00eddica no se reduce \u00fanicamente a la capacidad de la persona humana de ingresar al tr\u00e1fico jur\u00eddico y ser titular de derechos y obligaciones sino que comprende, adem\u00e1s, la posibilidad de que todo ser ...<br \/><div class=\"pt-cv-rmwrap\"><a href=\"https:\/\/www.dmsjuridica.com\/buscador_20179478954\/corteconstitucionalcronologico202454587\/t-308-12\/\" class=\"_self pt-cv-readmore btn btn-success\" target=\"_self\">Ver Sentencia Completa...<\/a><\/div><\/div><\/div><\/div>\n<div class=\"col-md-12 col-sm-12 col-xs-12 pt-cv-content-item pt-cv-1-col\" ><div class='pt-cv-ifield'><a href=\"https:\/\/www.dmsjuridica.com\/buscador_20179478954\/corteconstitucionalcronologico202454587\/t-307-12\/\" class=\"_self pt-cv-href-thumbnail pt-cv-thumb-default\" target=\"_self\" ><\/a>\n<div class=\"pt-cv-taxoterm above_title\"><a href='https:\/\/www.dmsjuridica.com\/buscador_20179478954\/corteconstitucionalcronologico202454587\/category\/buscar-en-toda-la-corte\/2012\/tutelas-2012\/' title='Tutelas 2012' class='pt-cv-tax-tutelas-2012'>Tutelas 2012<\/a><\/div>\n<h4 class=\"pt-cv-title\"><a href=\"https:\/\/www.dmsjuridica.com\/buscador_20179478954\/corteconstitucionalcronologico202454587\/t-307-12\/\" class=\"_self\" target=\"_self\" >T-307-12<\/a><\/h4>\n<div class=\"pt-cv-content\">\u00a0 \u00a0 Sentencia T-307\/12 \u00a0 ESTABILIDAD LABORAL REFORZADA-Concepto \u00a0 ACCION DE TUTELA PARA OBTENER REINTEGRO LABORAL DE TRABAJADOR DISCAPACITADO QUE GOCE DE ESTABILIDAD LABORAL REFORZADA-Procedencia excepcional \u00a0 El art\u00edculo 25 de la Carta Pol\u00edtica se\u00f1ala que el \u201ctrabajo es un derecho y una obligaci\u00f3n social y goza, en todas sus modalidades, de la especial protecci\u00f3n del Estado. Toda persona tiene derecho a un trabajo en condiciones dignas y justas\u201d. Esto no significa que cualquier discusi\u00f3n que surja en relaci\u00f3n a este derecho constitucional deba resolverse mediante la acci\u00f3n de tutela, puesto que, por regla general, las discrepancias laborales se tramitan ...<br \/><div class=\"pt-cv-rmwrap\"><a href=\"https:\/\/www.dmsjuridica.com\/buscador_20179478954\/corteconstitucionalcronologico202454587\/t-307-12\/\" class=\"_self pt-cv-readmore btn btn-success\" target=\"_self\">Ver Sentencia Completa...<\/a><\/div><\/div><\/div><\/div>\n<div class=\"col-md-12 col-sm-12 col-xs-12 pt-cv-content-item pt-cv-1-col\" ><div class='pt-cv-ifield'><a href=\"https:\/\/www.dmsjuridica.com\/buscador_20179478954\/corteconstitucionalcronologico202454587\/t-299-12\/\" class=\"_self pt-cv-href-thumbnail pt-cv-thumb-default\" target=\"_self\" ><\/a>\n<div class=\"pt-cv-taxoterm above_title\"><a href='https:\/\/www.dmsjuridica.com\/buscador_20179478954\/corteconstitucionalcronologico202454587\/category\/buscar-en-toda-la-corte\/2012\/tutelas-2012\/' title='Tutelas 2012' class='pt-cv-tax-tutelas-2012'>Tutelas 2012<\/a><\/div>\n<h4 class=\"pt-cv-title\"><a href=\"https:\/\/www.dmsjuridica.com\/buscador_20179478954\/corteconstitucionalcronologico202454587\/t-299-12\/\" class=\"_self\" target=\"_self\" >T-299-12<\/a><\/h4>\n<div class=\"pt-cv-content\">\u00a0 \u00a0 \u00a0\u00a0 Sentencia T-299\/12 \u00a0 ACCION DE TUTELA PARA RECONOCIMIENTO DE PENSION-Requisitos para su procedencia \u00a0 DERECHO A LA INDEMNIZACION SUSTITUTIVA DE LA PENSION DE VEJEZ \u00a0 ACCION DE TUTELA PARA EL RECONOCIMIENTO DE INDEMNIZACION SUSTITUTIVA DE LA PENSION DE VEJEZ\u00a0 \u00a0 INDEMNIZACION SUSTITUTIVA DE LA PENSION DE VEJEZ-Finalidad \u00a0 La indemnizaci\u00f3n sustitutiva de la pensi\u00f3n de vejez es una acreencia laboral a la cual tienen derecho aquellas personas afiliadas al r\u00e9gimen de prima media con prestaci\u00f3n definida que contando con la edad parar acceder a la citada pensi\u00f3n no logran acreditar los dem\u00e1s requisitos. Por ende, es un ...<br \/><div class=\"pt-cv-rmwrap\"><a href=\"https:\/\/www.dmsjuridica.com\/buscador_20179478954\/corteconstitucionalcronologico202454587\/t-299-12\/\" class=\"_self pt-cv-readmore btn btn-success\" target=\"_self\">Ver Sentencia Completa...<\/a><\/div><\/div><\/div><\/div>\n<div class=\"col-md-12 col-sm-12 col-xs-12 pt-cv-content-item pt-cv-1-col\" ><div class='pt-cv-ifield'><a href=\"https:\/\/www.dmsjuridica.com\/buscador_20179478954\/corteconstitucionalcronologico202454587\/t-297-12\/\" class=\"_self pt-cv-href-thumbnail pt-cv-thumb-default\" target=\"_self\" ><\/a>\n<div class=\"pt-cv-taxoterm above_title\"><a href='https:\/\/www.dmsjuridica.com\/buscador_20179478954\/corteconstitucionalcronologico202454587\/category\/buscar-en-toda-la-corte\/2012\/tutelas-2012\/' title='Tutelas 2012' class='pt-cv-tax-tutelas-2012'>Tutelas 2012<\/a><\/div>\n<h4 class=\"pt-cv-title\"><a href=\"https:\/\/www.dmsjuridica.com\/buscador_20179478954\/corteconstitucionalcronologico202454587\/t-297-12\/\" class=\"_self\" target=\"_self\" >T-297-12<\/a><\/h4>\n<div class=\"pt-cv-content\">\u00a0 \u00a0 Sentencia T-297\/12 \u00a0 ACCION DE TUTELA CONTRA CAJANAL EN LIQUIDACION, LA PREVISORA S.A, PATRIMONIO AUTONOMO BUEN FUTURO Y EL FONDO DE PENSIONES PUBLICAS-Caso en que se neg\u00f3 al actor la incorporaci\u00f3n en la n\u00f3mina de pensionados\u00a0 \u00a0 ACCION DE TUTELA-Protecci\u00f3n de derechos fundamentales a la seguridad social, al m\u00ednimo vital y de petici\u00f3n\u00a0 \u00a0 PERSONA DE LA TERCERA EDAD-Sujeto de especial protecci\u00f3n constitucional \u00a0 ACCION DE TUTELA PARA EL PAGO DE MESADAS PENSIONALES-Procedencia excepcional cuando el amparo lo solicita un sujeto de especial protecci\u00f3n constitucional \u00a0 La corte ha establecido: Si bien, en principio, pueden acudir a diversos ...<br \/><div class=\"pt-cv-rmwrap\"><a href=\"https:\/\/www.dmsjuridica.com\/buscador_20179478954\/corteconstitucionalcronologico202454587\/t-297-12\/\" class=\"_self pt-cv-readmore btn btn-success\" target=\"_self\">Ver Sentencia Completa...<\/a><\/div><\/div><\/div><\/div>\n<div class=\"col-md-12 col-sm-12 col-xs-12 pt-cv-content-item pt-cv-1-col\" ><div class='pt-cv-ifield'><a href=\"https:\/\/www.dmsjuridica.com\/buscador_20179478954\/corteconstitucionalcronologico202454587\/t-286-12\/\" class=\"_self pt-cv-href-thumbnail pt-cv-thumb-default\" target=\"_self\" ><\/a>\n<div class=\"pt-cv-taxoterm above_title\"><a href='https:\/\/www.dmsjuridica.com\/buscador_20179478954\/corteconstitucionalcronologico202454587\/category\/buscar-en-toda-la-corte\/2012\/tutelas-2012\/' title='Tutelas 2012' class='pt-cv-tax-tutelas-2012'>Tutelas 2012<\/a><\/div>\n<h4 class=\"pt-cv-title\"><a href=\"https:\/\/www.dmsjuridica.com\/buscador_20179478954\/corteconstitucionalcronologico202454587\/t-286-12\/\" class=\"_self\" target=\"_self\" >T-286-12<\/a><\/h4>\n<div class=\"pt-cv-content\">\u00a0 \u00a0 Sentencia T-286\/12 \u00a0 SISTEMA DE SEGURIDAD SOCIAL EN SALUD-Derecho de los usuarios a acceder a los servicios de salud que requieran, est\u00e9n o no incluidos en el POS \u00a0 SISTEMA DE SEGURIDAD SOCIAL EN SALUD-Derecho de los usuarios a que se realicen pruebas, ex\u00e1menes y diagn\u00f3sticos necesarios para determinar si un servicio es requerido o no \u00a0 DERECHO A LA SALUD-Reiteraci\u00f3n de jurisprudencia sentencia T-760\/08 \u00a0 DERECHO A LA SALUD-Ordena a EPS suministrar tratamientos m\u00e9dicos requeridos por accionantes, seg\u00fan orden de m\u00e9dico tratante\u00a0 \u00a0 Referencia: T-3247343, T-3269514, T-3275690, y T-3279966 (acumulados)\u00a0 \u00a0 Acciones de tutela presentadas por Ana ...<br \/><div class=\"pt-cv-rmwrap\"><a href=\"https:\/\/www.dmsjuridica.com\/buscador_20179478954\/corteconstitucionalcronologico202454587\/t-286-12\/\" class=\"_self pt-cv-readmore btn btn-success\" target=\"_self\">Ver Sentencia Completa...<\/a><\/div><\/div><\/div><\/div>\n<div class=\"col-md-12 col-sm-12 col-xs-12 pt-cv-content-item pt-cv-1-col\" ><div class='pt-cv-ifield'><a href=\"https:\/\/www.dmsjuridica.com\/buscador_20179478954\/corteconstitucionalcronologico202454587\/t-285-12\/\" class=\"_self pt-cv-href-thumbnail pt-cv-thumb-default\" target=\"_self\" ><\/a>\n<div class=\"pt-cv-taxoterm above_title\"><a href='https:\/\/www.dmsjuridica.com\/buscador_20179478954\/corteconstitucionalcronologico202454587\/category\/buscar-en-toda-la-corte\/2012\/tutelas-2012\/' title='Tutelas 2012' class='pt-cv-tax-tutelas-2012'>Tutelas 2012<\/a><\/div>\n<h4 class=\"pt-cv-title\"><a href=\"https:\/\/www.dmsjuridica.com\/buscador_20179478954\/corteconstitucionalcronologico202454587\/t-285-12\/\" class=\"_self\" target=\"_self\" >T-285-12<\/a><\/h4>\n<div class=\"pt-cv-content\">\u00a0 \u00a0 \u00a0\u00a0 Sentencia T-285\/12 \u00a0 ACCION DE TUTELA CONTRA SECRETARIA DE INTEGRACION SOCIAL DISTRITAL DE BOGOTA Y UNICAJAS COMFACUNDI EPS-S-Caso en el que se niega el suministro de alimentos de acuerdo a dieta especial y beneficio de la canasta de discapacidad \u00a0 PROTECCION ESPECIAL A PERSONAS DISCAPACITADAS-Marco jur\u00eddico interno e internacional \u00a0 PRINCIPIO DE NO DISCRIMINACION-Deber de las entidades encargadas de crear y ejecutar pol\u00edticas p\u00fablicas de seguridad alimentaria para poblaci\u00f3n en situaci\u00f3n de pobreza \u00a0 FORMAS DE DISCRIMINACION-Directa e indirecta\u00a0 \u00a0 DESCONOCIMIENTO DEL PRINCIPIO DE NO DISCRIMINACION-Tambi\u00e9n puede darse por omisi\u00f3n \u00a0 PRINCIPIO DE IGUALDAD-Vulneraci\u00f3n \u00a0 Referencia: expediente ...<br \/><div class=\"pt-cv-rmwrap\"><a href=\"https:\/\/www.dmsjuridica.com\/buscador_20179478954\/corteconstitucionalcronologico202454587\/t-285-12\/\" class=\"_self pt-cv-readmore btn btn-success\" target=\"_self\">Ver Sentencia Completa...<\/a><\/div><\/div><\/div><\/div>\n<div class=\"col-md-12 col-sm-12 col-xs-12 pt-cv-content-item pt-cv-1-col\" ><div class='pt-cv-ifield'><a href=\"https:\/\/www.dmsjuridica.com\/buscador_20179478954\/corteconstitucionalcronologico202454587\/t-284-12\/\" class=\"_self pt-cv-href-thumbnail pt-cv-thumb-default\" target=\"_self\" ><\/a>\n<div class=\"pt-cv-taxoterm above_title\"><a href='https:\/\/www.dmsjuridica.com\/buscador_20179478954\/corteconstitucionalcronologico202454587\/category\/buscar-en-toda-la-corte\/2012\/tutelas-2012\/' title='Tutelas 2012' class='pt-cv-tax-tutelas-2012'>Tutelas 2012<\/a><\/div>\n<h4 class=\"pt-cv-title\"><a href=\"https:\/\/www.dmsjuridica.com\/buscador_20179478954\/corteconstitucionalcronologico202454587\/t-284-12\/\" class=\"_self\" target=\"_self\" >T-284-12<\/a><\/h4>\n<div class=\"pt-cv-content\">\u00a0 \u00a0 Sentencia T-284\/12\u00a0 \u00a0 ACCION DE TUTELA CONTRA ACCION SOCIAL HOY DEPARTAMENTO PARA LA PROSPERIDAD SOCIAL-Caso en el que la entidad no otorga la prorroga autom\u00e1tica de la ayuda humanitaria de emergencia\u00a0 \u00a0 DERECHO A LA IGUALDAD-Respeto de los turnos en la entrega de ayuda humanitaria \u00a0 El respeto estricto por los turnos es una situaci\u00f3n que guarda relaci\u00f3n directa con la protecci\u00f3n del derecho a la igualdad -tema que no admite discusi\u00f3n-, pero, las personas tienen derecho a conocer en qu\u00e9 fecha, dentro de un per\u00edodo de tiempo razonable, ser\u00e1n atendidas. \u00a0 DESPLAZAMIENTO FORZADO Y AYUDA HUMANITARIA DE ...<br \/><div class=\"pt-cv-rmwrap\"><a href=\"https:\/\/www.dmsjuridica.com\/buscador_20179478954\/corteconstitucionalcronologico202454587\/t-284-12\/\" class=\"_self pt-cv-readmore btn btn-success\" target=\"_self\">Ver Sentencia Completa...<\/a><\/div><\/div><\/div><\/div>\n<div class=\"col-md-12 col-sm-12 col-xs-12 pt-cv-content-item pt-cv-1-col\" ><div class='pt-cv-ifield'><a href=\"https:\/\/www.dmsjuridica.com\/buscador_20179478954\/corteconstitucionalcronologico202454587\/t-283-12\/\" class=\"_self pt-cv-href-thumbnail pt-cv-thumb-default\" target=\"_self\" ><\/a>\n<div class=\"pt-cv-taxoterm above_title\"><a href='https:\/\/www.dmsjuridica.com\/buscador_20179478954\/corteconstitucionalcronologico202454587\/category\/buscar-en-toda-la-corte\/2012\/tutelas-2012\/' title='Tutelas 2012' class='pt-cv-tax-tutelas-2012'>Tutelas 2012<\/a><\/div>\n<h4 class=\"pt-cv-title\"><a href=\"https:\/\/www.dmsjuridica.com\/buscador_20179478954\/corteconstitucionalcronologico202454587\/t-283-12\/\" class=\"_self\" target=\"_self\" >T-283-12<\/a><\/h4>\n<div class=\"pt-cv-content\">\u00a0 \u00a0 Sentencia T-283\/12 \u00a0 (Bogot\u00e1, D.C., abril 12) \u00a0 ACCION DE TUTELA CONTRA HUMANA VIVIR S.A. EPS-Caso en el que fallece ni\u00f1a reci\u00e9n nacida durante el tr\u00e1mite de la acci\u00f3n de tutela \u00a0 DERECHO A LA SALUD Y A LA VIDA EN CONDICIONES DIGNAS \u00a0 PROCEDIBILIDAD DE LA ACCION DE TUTELA-Legitimaci\u00f3n \u00a0 ACCION DE TUTELA-Subsidiariedad \u00a0 ACCION DE TUTELA-Principio de inmediatez \u00a0 ACCION DE TUTELA-Carencia actual de objeto por fallecimiento de menor reci\u00e9n nacida\u00a0 \u00a0 DA\u00d1O CONSUMADO-Hip\u00f3tesis en que se presenta \u00a0 Algunas de las hip\u00f3tesis de cuando se presenta el da\u00f1o consumado seg\u00fan la jurisprudencia de la Corte ...<br \/><div class=\"pt-cv-rmwrap\"><a href=\"https:\/\/www.dmsjuridica.com\/buscador_20179478954\/corteconstitucionalcronologico202454587\/t-283-12\/\" class=\"_self pt-cv-readmore btn btn-success\" target=\"_self\">Ver Sentencia Completa...<\/a><\/div><\/div><\/div><\/div>\n<div class=\"col-md-12 col-sm-12 col-xs-12 pt-cv-content-item pt-cv-1-col\" ><div class='pt-cv-ifield'><a href=\"https:\/\/www.dmsjuridica.com\/buscador_20179478954\/corteconstitucionalcronologico202454587\/t-282-12\/\" class=\"_self pt-cv-href-thumbnail pt-cv-thumb-default\" target=\"_self\" ><\/a>\n<div class=\"pt-cv-taxoterm above_title\"><a href='https:\/\/www.dmsjuridica.com\/buscador_20179478954\/corteconstitucionalcronologico202454587\/category\/buscar-en-toda-la-corte\/2012\/tutelas-2012\/' title='Tutelas 2012' class='pt-cv-tax-tutelas-2012'>Tutelas 2012<\/a><\/div>\n<h4 class=\"pt-cv-title\"><a href=\"https:\/\/www.dmsjuridica.com\/buscador_20179478954\/corteconstitucionalcronologico202454587\/t-282-12\/\" class=\"_self\" target=\"_self\" >T-282-12<\/a><\/h4>\n<div class=\"pt-cv-content\">\u00a0 \u00a0 \u00a0\u00a0 Sentencia T-282\/12 \u00a0 ACCION DE TUTELA-L\u00ednea jurisprudencial respecto a los requisitos de procedencia \u00a0 PRINCIPIO DE SUBSIDIARIEDAD DE LA ACCION DE TUTELA-Reiteraci\u00f3n de jurisprudencia \u00a0 PERJUICIO IRREMEDIABLE-Elementos\/ACCION DE TUTELA TRANSITORIA PARA EVITAR PERJUICIO IRREMEDIABLE-Carga probatoria m\u00e1s exigente por parte de quien lo invoca \u00a0 En lo que hace propiamente a la procedencia de la acci\u00f3n como mecanismo transitorio y con el objeto de evitar un perjuicio irremediable, como lo ha venido acu\u00f1ando la jurisprudencia de esta Corporaci\u00f3n, cuando el ciudadano interpone la acci\u00f3n de tutela, como mecanismo transitorio para evitar la ocurrencia de un perjuicio irremediable, este ...<br \/><div class=\"pt-cv-rmwrap\"><a href=\"https:\/\/www.dmsjuridica.com\/buscador_20179478954\/corteconstitucionalcronologico202454587\/t-282-12\/\" class=\"_self pt-cv-readmore btn btn-success\" target=\"_self\">Ver Sentencia Completa...<\/a><\/div><\/div><\/div><\/div>\n<div class=\"col-md-12 col-sm-12 col-xs-12 pt-cv-content-item pt-cv-1-col\" ><div class='pt-cv-ifield'><a href=\"https:\/\/www.dmsjuridica.com\/buscador_20179478954\/corteconstitucionalcronologico202454587\/t-281-12\/\" class=\"_self pt-cv-href-thumbnail pt-cv-thumb-default\" target=\"_self\" ><\/a>\n<div class=\"pt-cv-taxoterm above_title\"><a href='https:\/\/www.dmsjuridica.com\/buscador_20179478954\/corteconstitucionalcronologico202454587\/category\/buscar-en-toda-la-corte\/2012\/tutelas-2012\/' title='Tutelas 2012' class='pt-cv-tax-tutelas-2012'>Tutelas 2012<\/a><\/div>\n<h4 class=\"pt-cv-title\"><a href=\"https:\/\/www.dmsjuridica.com\/buscador_20179478954\/corteconstitucionalcronologico202454587\/t-281-12\/\" class=\"_self\" target=\"_self\" >T-281-12<\/a><\/h4>\n<div class=\"pt-cv-content\">\u00a0 \u00a0 \u00a0\u00a0 Sentencia T-281\/12\u00a0 \u00a0 (Bogot\u00e1 D.C., Abril 12) \u00a0 ACCION DE TUTELA CONTRA EMPRESA DE SERVICIOS PUBLICOS DOMICILIARIOS-No instalaci\u00f3n del servicio de energ\u00eda el\u00e9ctrica\u00a0 \u00a0 PROCEDIBILIDAD DE LA ACCION DE TUTELA-Legitimaci\u00f3n\u00a0 \u00a0 ACCION DE TUTELA-Protecci\u00f3n del derecho a la igualdad y a la vida digna \u00a0 PRINCIPIO DE INMEDIATEZ COMO REQUISITO DE PROCEDIBILIDAD DE LA ACCION DE TUTELA \u00a0 ACCION DE TUTELA PARA CONTROVERTIR ACTOS DE LAS EMPRESAS DE SERVICIOS PUBLICOS DOMICILIARIOS-Procedencia excepcional cuando las acciones contencioso administrativas se tornan ineficaces o implican la inminencia de un perjuicio irremediable para el actor \u00a0 La existencia de una v\u00eda ...<br \/><div class=\"pt-cv-rmwrap\"><a href=\"https:\/\/www.dmsjuridica.com\/buscador_20179478954\/corteconstitucionalcronologico202454587\/t-281-12\/\" class=\"_self pt-cv-readmore btn btn-success\" target=\"_self\">Ver Sentencia Completa...<\/a><\/div><\/div><\/div><\/div>\n<div class=\"col-md-12 col-sm-12 col-xs-12 pt-cv-content-item pt-cv-1-col\" ><div class='pt-cv-ifield'><a href=\"https:\/\/www.dmsjuridica.com\/buscador_20179478954\/corteconstitucionalcronologico202454587\/t-280-12\/\" class=\"_self pt-cv-href-thumbnail pt-cv-thumb-default\" target=\"_self\" ><\/a>\n<div class=\"pt-cv-taxoterm above_title\"><a href='https:\/\/www.dmsjuridica.com\/buscador_20179478954\/corteconstitucionalcronologico202454587\/category\/buscar-en-toda-la-corte\/2012\/tutelas-2012\/' title='Tutelas 2012' class='pt-cv-tax-tutelas-2012'>Tutelas 2012<\/a><\/div>\n<h4 class=\"pt-cv-title\"><a href=\"https:\/\/www.dmsjuridica.com\/buscador_20179478954\/corteconstitucionalcronologico202454587\/t-280-12\/\" class=\"_self\" target=\"_self\" >T-280-12<\/a><\/h4>\n<div class=\"pt-cv-content\">\u00a0 \u00a0 Sentencia T-280\/12 \u00a0 PENSION ESPECIAL DE VEJEZ POR ALTO RIESGO-R\u00e9gimen aplicable \u00a0 ACCION DE TUTELA CONTRA EL INSTITUTO DE SEGUROS SOCIALES-No reconocimiento de pensi\u00f3n especial de vejez por alto riesgo\u00a0 \u00a0 ACCION DE TUTELA-Improcedencia para ordenar reconocimiento de pensiones\u00a0 \u00a0 Es procedente, de manera excepcional, el reconocimiento y pago de una pensi\u00f3n a trav\u00e9s de la acci\u00f3n de tutela, cuando no existe otro mecanismo judicial para perseguir una protecci\u00f3n real y concreta o cuando existiendo, no es eficaz para obtener su protecci\u00f3n, siempre que de ella se derive la vulneraci\u00f3n de derechos fundamentales. De la misma forma procede ...<br \/><div class=\"pt-cv-rmwrap\"><a href=\"https:\/\/www.dmsjuridica.com\/buscador_20179478954\/corteconstitucionalcronologico202454587\/t-280-12\/\" class=\"_self pt-cv-readmore btn btn-success\" target=\"_self\">Ver Sentencia Completa...<\/a><\/div><\/div><\/div><\/div>\n<div class=\"col-md-12 col-sm-12 col-xs-12 pt-cv-content-item pt-cv-1-col\" ><div class='pt-cv-ifield'><a href=\"https:\/\/www.dmsjuridica.com\/buscador_20179478954\/corteconstitucionalcronologico202454587\/t-279-12\/\" class=\"_self pt-cv-href-thumbnail pt-cv-thumb-default\" target=\"_self\" ><\/a>\n<div class=\"pt-cv-taxoterm above_title\"><a href='https:\/\/www.dmsjuridica.com\/buscador_20179478954\/corteconstitucionalcronologico202454587\/category\/buscar-en-toda-la-corte\/2012\/tutelas-2012\/' title='Tutelas 2012' class='pt-cv-tax-tutelas-2012'>Tutelas 2012<\/a><\/div>\n<h4 class=\"pt-cv-title\"><a href=\"https:\/\/www.dmsjuridica.com\/buscador_20179478954\/corteconstitucionalcronologico202454587\/t-279-12\/\" class=\"_self\" target=\"_self\" >T-279-12<\/a><\/h4>\n<div class=\"pt-cv-content\">\u00a0 \u00a0 Sentencia T- 279\/12 \u00a0 ACCION DE TUTELA-Reiteraci\u00f3n de jurisprudencia sobre los requisitos de procedibilidad\u00a0 \u00a0 DERECHO FUNDAMENTAL A LA SALUD Y DERECHO AL MINIMO VITAL-Procedencia del amparo por v\u00eda de tutela \u00a0 PERJUICIO IRREMEDIABLE-Elementos \u00a0 SEGURIDAD SOCIAL-Reconocimiento de las incapacidades \u00a0 SISTEMA DE SEGURIDAD SOCIAL EN SALUD-R\u00e9gimen contributivo\u00a0 \u00a0 INCAPACIDAD-Concepto \u00a0 INCAPACIDAD LABORAL-Normatividad aplicable a las incapacidades de origen com\u00fan \u00a0 CALIFICACION DE LA PERDIDA DE CAPACIDAD LABORAL-Reiteraci\u00f3n de jurisprudencia \u00a0 Referencia: expediente T-3.270.688 \u00a0 Demandante: L\u00eda Esperanza Torres Garz\u00f3n agente oficioso de Daniel Solarte \u00a0 Demandado: Nueva EPS \u00a0 Magistrado Ponente:\u00a0 \u00a0 GABRIEL EDUARDO MENDOZA MARTELO \u00a0 ...<br \/><div class=\"pt-cv-rmwrap\"><a href=\"https:\/\/www.dmsjuridica.com\/buscador_20179478954\/corteconstitucionalcronologico202454587\/t-279-12\/\" class=\"_self pt-cv-readmore btn btn-success\" target=\"_self\">Ver Sentencia Completa...<\/a><\/div><\/div><\/div><\/div>\n<div class=\"col-md-12 col-sm-12 col-xs-12 pt-cv-content-item pt-cv-1-col\" ><div class='pt-cv-ifield'><a href=\"https:\/\/www.dmsjuridica.com\/buscador_20179478954\/corteconstitucionalcronologico202454587\/t-278-12\/\" class=\"_self pt-cv-href-thumbnail pt-cv-thumb-default\" target=\"_self\" ><\/a>\n<div class=\"pt-cv-taxoterm above_title\"><a href='https:\/\/www.dmsjuridica.com\/buscador_20179478954\/corteconstitucionalcronologico202454587\/category\/buscar-en-toda-la-corte\/2012\/tutelas-2012\/' title='Tutelas 2012' class='pt-cv-tax-tutelas-2012'>Tutelas 2012<\/a><\/div>\n<h4 class=\"pt-cv-title\"><a href=\"https:\/\/www.dmsjuridica.com\/buscador_20179478954\/corteconstitucionalcronologico202454587\/t-278-12\/\" class=\"_self\" target=\"_self\" >T-278-12<\/a><\/h4>\n<div class=\"pt-cv-content\">\u00a0 \u00a0 Sentencia T-278\/12 \u00a0 SERVICIO MILITAR-Obligaci\u00f3n del ciudadano \u00a0 La propia Carta Pol\u00edtica impone a los colombianos obligaciones \u00a0gen\u00e9ricas y espec\u00edficas, en relaci\u00f3n con la fuerza p\u00fablica. En efecto, de manera general, dentro de las obligaciones de la persona y del ciudadano se encuentran las de \"respetar y apoyar a las autoridades democr\u00e1ticas leg\u00edtimamente constituidas para mantener la independencia y la integridad nacionales\" o para \"defender y difundir los derechos humanos como fundamento de la convivencia pac\u00edfica\";.... y de \"propender al logro y mantenimiento de la paz\". Deberes estos gen\u00e9ricos cuya finalidad, resulta coincidente con los fines que son ...<br \/><div class=\"pt-cv-rmwrap\"><a href=\"https:\/\/www.dmsjuridica.com\/buscador_20179478954\/corteconstitucionalcronologico202454587\/t-278-12\/\" class=\"_self pt-cv-readmore btn btn-success\" target=\"_self\">Ver Sentencia Completa...<\/a><\/div><\/div><\/div><\/div>\n<div class=\"col-md-12 col-sm-12 col-xs-12 pt-cv-content-item pt-cv-1-col\" ><div class='pt-cv-ifield'><a href=\"https:\/\/www.dmsjuridica.com\/buscador_20179478954\/corteconstitucionalcronologico202454587\/t-277-12\/\" class=\"_self pt-cv-href-thumbnail pt-cv-thumb-default\" target=\"_self\" ><\/a>\n<div class=\"pt-cv-taxoterm above_title\"><a href='https:\/\/www.dmsjuridica.com\/buscador_20179478954\/corteconstitucionalcronologico202454587\/category\/buscar-en-toda-la-corte\/2012\/tutelas-2012\/' title='Tutelas 2012' class='pt-cv-tax-tutelas-2012'>Tutelas 2012<\/a><\/div>\n<h4 class=\"pt-cv-title\"><a href=\"https:\/\/www.dmsjuridica.com\/buscador_20179478954\/corteconstitucionalcronologico202454587\/t-277-12\/\" class=\"_self\" target=\"_self\" >T-277-12<\/a><\/h4>\n<div class=\"pt-cv-content\">\u00a0 \u00a0 Sentencia T-277\/12 \u00a0 SOCIEDAD DE ECONOMIA MIXTA-R\u00e9gimen aplicable \u00a0 PROCEDIBILIDAD DE LA ACCION DE TUTELA-Legitimaci\u00f3n \u00a0 PRINCIPIO DE INMEDIATEZ COMO REQUISITO DE PROCEDIBILIDAD DE LA ACCION DE TUTELA \u00a0 ACCION DE TUTELA PARA OBTENER REINTEGRO LABORAL DE TRABAJADOR DISCAPACITADO-Procedencia excepcional \u00a0 Cuando se busca el reintegro al lugar del trabajo con ocasi\u00f3n de la desvinculaci\u00f3n, en principio debe decirse que la acci\u00f3n de tutela resulta ser improcedente, pero si quien lo solicita es un sujeto de especial protecci\u00f3n constitucional, que fue desvinculado de su lugar de trabajo con ocasi\u00f3n de su estado personal como es el caso de ...<br \/><div class=\"pt-cv-rmwrap\"><a href=\"https:\/\/www.dmsjuridica.com\/buscador_20179478954\/corteconstitucionalcronologico202454587\/t-277-12\/\" class=\"_self pt-cv-readmore btn btn-success\" target=\"_self\">Ver Sentencia Completa...<\/a><\/div><\/div><\/div><\/div>\n<div class=\"col-md-12 col-sm-12 col-xs-12 pt-cv-content-item pt-cv-1-col\" ><div class='pt-cv-ifield'><a href=\"https:\/\/www.dmsjuridica.com\/buscador_20179478954\/corteconstitucionalcronologico202454587\/t-276-12\/\" class=\"_self pt-cv-href-thumbnail pt-cv-thumb-default\" target=\"_self\" ><\/a>\n<div class=\"pt-cv-taxoterm above_title\"><a href='https:\/\/www.dmsjuridica.com\/buscador_20179478954\/corteconstitucionalcronologico202454587\/category\/buscar-en-toda-la-corte\/2012\/tutelas-2012\/' title='Tutelas 2012' class='pt-cv-tax-tutelas-2012'>Tutelas 2012<\/a><\/div>\n<h4 class=\"pt-cv-title\"><a href=\"https:\/\/www.dmsjuridica.com\/buscador_20179478954\/corteconstitucionalcronologico202454587\/t-276-12\/\" class=\"_self\" target=\"_self\" >T-276-12<\/a><\/h4>\n<div class=\"pt-cv-content\">\u00a0 \u00a0 Sentencia T-276\/12 \u00a0 GARANTIAS CONSTITUCIONALES EN EL MARCO DE LOS PROCESOS DE RESTABLECIMIENTO DE DERECHOS DE LOS NI\u00d1OS \u00a0 DERECHO DE LOS NI\u00d1OS, NI\u00d1AS Y ADOLESCENTES A SER OIDOS Y A QUE SUS OPINIONES SEAN TENIDAS EN CUENTA-Casos de procesos administrativos y judiciales\u00a0 \u00a0 El derecho de todo ni\u00f1o, ni\u00f1a o adolescente a ser escuchado y a que sus opiniones sean tenidas en cuenta, conlleva la obligaci\u00f3n del Estado de garantizar espacios dentro de los procesos judiciales y administrativos para que puedan ejercer su derecho de forma libre, as\u00ed como la obligaci\u00f3n de las autoridades de efectivamente o\u00edr ...<br \/><div class=\"pt-cv-rmwrap\"><a href=\"https:\/\/www.dmsjuridica.com\/buscador_20179478954\/corteconstitucionalcronologico202454587\/t-276-12\/\" class=\"_self pt-cv-readmore btn btn-success\" target=\"_self\">Ver Sentencia Completa...<\/a><\/div><\/div><\/div><\/div>\n<div class=\"col-md-12 col-sm-12 col-xs-12 pt-cv-content-item pt-cv-1-col\" ><div class='pt-cv-ifield'><a href=\"https:\/\/www.dmsjuridica.com\/buscador_20179478954\/corteconstitucionalcronologico202454587\/t-275-12\/\" class=\"_self pt-cv-href-thumbnail pt-cv-thumb-default\" target=\"_self\" ><\/a>\n<div class=\"pt-cv-taxoterm above_title\"><a href='https:\/\/www.dmsjuridica.com\/buscador_20179478954\/corteconstitucionalcronologico202454587\/category\/buscar-en-toda-la-corte\/2012\/tutelas-2012\/' title='Tutelas 2012' class='pt-cv-tax-tutelas-2012'>Tutelas 2012<\/a><\/div>\n<h4 class=\"pt-cv-title\"><a href=\"https:\/\/www.dmsjuridica.com\/buscador_20179478954\/corteconstitucionalcronologico202454587\/t-275-12\/\" class=\"_self\" target=\"_self\" >T-275-12<\/a><\/h4>\n<div class=\"pt-cv-content\">\u00a0 \u00a0 Sentencia T-275\/12 \u00a0 ACCION DE TUTELA CONTRA SUPERINTENDENCIA DE SERVICIOS PUBLICOS DOMICILIARIOS-Caso en el que Superintendente Delegado impone sanci\u00f3n consistente en multa a Promoambiental Caribe S.A. E.S.P. \u00a0 PROCEDIBILIDAD DE LA ACCION DE TUTELA-Legitimaci\u00f3n\u00a0 \u00a0 ACCION DE TUTELA-Ineficacia e inidoneidad de mecanismos judiciales existentes \u00a0 ACCION DE TUTELA-Protecci\u00f3n de derechos fundamentales \u00a0 ACCION DE TUTELA-Car\u00e1cter principal o subsidiario y acreditaci\u00f3n o evidencia de un inminente perjuicio irremediable sobre el derecho fundamental vulnerado \u00a0 ACCION DE TUTELA-Improcedencia general para controvertir actos administrativos \u00a0 VIA DE HECHO ADMINISTRATIVA-Violaci\u00f3n del debido proceso \u00a0 La tesis de las v\u00edas de hecho (\u2026) ...<br \/><div class=\"pt-cv-rmwrap\"><a href=\"https:\/\/www.dmsjuridica.com\/buscador_20179478954\/corteconstitucionalcronologico202454587\/t-275-12\/\" class=\"_self pt-cv-readmore btn btn-success\" target=\"_self\">Ver Sentencia Completa...<\/a><\/div><\/div><\/div><\/div>\n<div class=\"col-md-12 col-sm-12 col-xs-12 pt-cv-content-item pt-cv-1-col\" ><div class='pt-cv-ifield'><a href=\"https:\/\/www.dmsjuridica.com\/buscador_20179478954\/corteconstitucionalcronologico202454587\/t-274-12\/\" class=\"_self pt-cv-href-thumbnail pt-cv-thumb-default\" target=\"_self\" ><\/a>\n<div class=\"pt-cv-taxoterm above_title\"><a href='https:\/\/www.dmsjuridica.com\/buscador_20179478954\/corteconstitucionalcronologico202454587\/category\/buscar-en-toda-la-corte\/2012\/tutelas-2012\/' title='Tutelas 2012' class='pt-cv-tax-tutelas-2012'>Tutelas 2012<\/a><\/div>\n<h4 class=\"pt-cv-title\"><a href=\"https:\/\/www.dmsjuridica.com\/buscador_20179478954\/corteconstitucionalcronologico202454587\/t-274-12\/\" class=\"_self\" target=\"_self\" >T-274-12<\/a><\/h4>\n<div class=\"pt-cv-content\">\u00a0 \u00a0 NOTA DE RELATORIA: Mediante Auto 132 de fecha 16 de abril del 2015, el cual se anexa en la parte final, se declara la nulidad de la presente providencia y se ordena la remisi\u00f3n del expediente al despacho de la Magistrada Sustanciadora para que proyecte la nueva sentencia, la cual deber\u00e1 ser adoptada por la Sala Plena de la Corporaci\u00f3n.\u00a0 \u00a0 Sentencia T-274\/12 \u00a0 ACCION DE TUTELA CONTRA PROVIDENCIAS JUDICIALES-Procedencia por cuanto Tribunal vulner\u00f3 derechos al debido proceso y acceso a la administraci\u00f3n de justicia, por tener en cuenta prueba anticipada que se realiz\u00f3 2 a\u00f1os despu\u00e9s de ...<br \/><div class=\"pt-cv-rmwrap\"><a href=\"https:\/\/www.dmsjuridica.com\/buscador_20179478954\/corteconstitucionalcronologico202454587\/t-274-12\/\" class=\"_self pt-cv-readmore btn btn-success\" target=\"_self\">Ver Sentencia Completa...<\/a><\/div><\/div><\/div><\/div>\n<div class=\"col-md-12 col-sm-12 col-xs-12 pt-cv-content-item pt-cv-1-col\" ><div class='pt-cv-ifield'><a href=\"https:\/\/www.dmsjuridica.com\/buscador_20179478954\/corteconstitucionalcronologico202454587\/t-273-12\/\" class=\"_self pt-cv-href-thumbnail pt-cv-thumb-default\" target=\"_self\" ><\/a>\n<div class=\"pt-cv-taxoterm above_title\"><a href='https:\/\/www.dmsjuridica.com\/buscador_20179478954\/corteconstitucionalcronologico202454587\/category\/buscar-en-toda-la-corte\/2012\/tutelas-2012\/' title='Tutelas 2012' class='pt-cv-tax-tutelas-2012'>Tutelas 2012<\/a><\/div>\n<h4 class=\"pt-cv-title\"><a href=\"https:\/\/www.dmsjuridica.com\/buscador_20179478954\/corteconstitucionalcronologico202454587\/t-273-12\/\" class=\"_self\" target=\"_self\" >T-273-12<\/a><\/h4>\n<div class=\"pt-cv-content\">\u00a0 \u00a0 Sentencia T-273\/12 \u00a0 DERECHO DE USUARIOS A LA CONTINUIDAD EN LA PRESTACION DEL SERVICIO PUBLICO DOMICILIARIO DE AGUA POTABLE-Sujetos de especial protecci\u00f3n \u00a0 La jurisprudencia constitucional ha establecido excepciones a la regla general de la suspensi\u00f3n de los servicios p\u00fablicos domiciliarios cuando los suscriptores incumplen el deber de pago. Como se indic\u00f3, dichas excepciones guardan una relaci\u00f3n directa con la protecci\u00f3n de los derechos fundamentales de los usuarios del servicio. Por su parte, la excepci\u00f3n relativa a la efectividad de los derechos fundamentales de los sujetos de especial protecci\u00f3n constitucional ha sido reiterada en m\u00faltiples oportunidades por esta ...<br \/><div class=\"pt-cv-rmwrap\"><a href=\"https:\/\/www.dmsjuridica.com\/buscador_20179478954\/corteconstitucionalcronologico202454587\/t-273-12\/\" class=\"_self pt-cv-readmore btn btn-success\" target=\"_self\">Ver Sentencia Completa...<\/a><\/div><\/div><\/div><\/div>\n<div class=\"col-md-12 col-sm-12 col-xs-12 pt-cv-content-item pt-cv-1-col\" ><div class='pt-cv-ifield'><a href=\"https:\/\/www.dmsjuridica.com\/buscador_20179478954\/corteconstitucionalcronologico202454587\/t-272-12\/\" class=\"_self pt-cv-href-thumbnail pt-cv-thumb-default\" target=\"_self\" ><\/a>\n<div class=\"pt-cv-taxoterm above_title\"><a href='https:\/\/www.dmsjuridica.com\/buscador_20179478954\/corteconstitucionalcronologico202454587\/category\/buscar-en-toda-la-corte\/2012\/tutelas-2012\/' title='Tutelas 2012' class='pt-cv-tax-tutelas-2012'>Tutelas 2012<\/a><\/div>\n<h4 class=\"pt-cv-title\"><a href=\"https:\/\/www.dmsjuridica.com\/buscador_20179478954\/corteconstitucionalcronologico202454587\/t-272-12\/\" class=\"_self\" target=\"_self\" >T-272-12<\/a><\/h4>\n<div class=\"pt-cv-content\">CONCURSO PUBLICO DE MERITOS DE LA FISCALIA GENERAL DE LA NACION-Obligatoriedad de las reglas y sus alcances reiterada en SU446\/11 \u00a0 CONVOCATORIA A CONCURSO DE MERITOS-Importancia\u00a0 \u00a0 REGLAS DEL CONCURSO DE MERITOS-Son invariables \u00a0 FISCAL GENERAL DE LA NACION-Grado de discrecionalidad para definir en el marco de la planta global, los cargos espec\u00edficos que ser\u00edan provistos con el registro de elegibles \u00a0 REGISTRO DE ELEGIBLES EN LA FISCALIA GENERAL DE LA NACION PARA PROVEER CARGOS POR FUERA \u00a0DEL NUMERO DE CONVOCADOS-Utilizaci\u00f3n implicar\u00eda una modificaci\u00f3n e inobservancia de las pautas de las diversas convocatorias por vulneraci\u00f3n del principio de confianza leg\u00edtima, ...<br \/><div class=\"pt-cv-rmwrap\"><a href=\"https:\/\/www.dmsjuridica.com\/buscador_20179478954\/corteconstitucionalcronologico202454587\/t-272-12\/\" class=\"_self pt-cv-readmore btn btn-success\" target=\"_self\">Ver Sentencia Completa...<\/a><\/div><\/div><\/div><\/div>\n<div class=\"col-md-12 col-sm-12 col-xs-12 pt-cv-content-item pt-cv-1-col\" ><div class='pt-cv-ifield'><a href=\"https:\/\/www.dmsjuridica.com\/buscador_20179478954\/corteconstitucionalcronologico202454587\/t-271-12\/\" class=\"_self pt-cv-href-thumbnail pt-cv-thumb-default\" target=\"_self\" ><\/a>\n<div class=\"pt-cv-taxoterm above_title\"><a href='https:\/\/www.dmsjuridica.com\/buscador_20179478954\/corteconstitucionalcronologico202454587\/category\/buscar-en-toda-la-corte\/2012\/tutelas-2012\/' title='Tutelas 2012' class='pt-cv-tax-tutelas-2012'>Tutelas 2012<\/a><\/div>\n<h4 class=\"pt-cv-title\"><a href=\"https:\/\/www.dmsjuridica.com\/buscador_20179478954\/corteconstitucionalcronologico202454587\/t-271-12\/\" class=\"_self\" target=\"_self\" >T-271-12<\/a><\/h4>\n<div class=\"pt-cv-content\">\u00a0 \u00a0 Sentencia T-271\/12 \u00a0 ACCION DE TUTELA CONTRA PARTICULARES CUANDO EL AFECTADO SE ENCUENTRA EN ESTADO DE INDEFENSION-Reiteraci\u00f3n de jurisprudencia sobre procedencia excepcional para solicitar reintegro laboral \u00a0 La indefensi\u00f3n se materializa cuando los supuestos de hecho permiten establecer que el quejoso, frente al agravio o amenaza, carece de un mecanismo de defensa administrativo, judicial o f\u00e1ctico, quedando a merced del poder arbitrario de un particular; luego, para efecto de la procedencia de la respectiva acci\u00f3n, ha de analizarse que exista un v\u00ednculo entre las partes en conflicto. \u00a0 ACCION DE TUTELA-Improcedencia para obtener reintegro laboral, salvo que se ...<br \/><div class=\"pt-cv-rmwrap\"><a href=\"https:\/\/www.dmsjuridica.com\/buscador_20179478954\/corteconstitucionalcronologico202454587\/t-271-12\/\" class=\"_self pt-cv-readmore btn btn-success\" target=\"_self\">Ver Sentencia Completa...<\/a><\/div><\/div><\/div><\/div>\n<div class=\"col-md-12 col-sm-12 col-xs-12 pt-cv-content-item pt-cv-1-col\" ><div class='pt-cv-ifield'><a href=\"https:\/\/www.dmsjuridica.com\/buscador_20179478954\/corteconstitucionalcronologico202454587\/t-270-12\/\" class=\"_self pt-cv-href-thumbnail pt-cv-thumb-default\" target=\"_self\" ><\/a>\n<div class=\"pt-cv-taxoterm above_title\"><a href='https:\/\/www.dmsjuridica.com\/buscador_20179478954\/corteconstitucionalcronologico202454587\/category\/buscar-en-toda-la-corte\/2012\/tutelas-2012\/' title='Tutelas 2012' class='pt-cv-tax-tutelas-2012'>Tutelas 2012<\/a><\/div>\n<h4 class=\"pt-cv-title\"><a href=\"https:\/\/www.dmsjuridica.com\/buscador_20179478954\/corteconstitucionalcronologico202454587\/t-270-12\/\" class=\"_self\" target=\"_self\" >T-270-12<\/a><\/h4>\n<div class=\"pt-cv-content\">\u00a0 \u00a0 Sentencia T-270\/12 \u00a0 ACCION DE TUTELA CONTRA ACTO ADMINISTRATIVO DE EXPROPIACION-Improcedencia por existencia de otros mecanismos judiciales de defensa y ausencia de perjuicio irremediable \u00a0 Por regla general, la acci\u00f3n de tutela no procede como mecanismo principal para la protecci\u00f3n de derechos que hayan sido amenazados o vulnerados con ocasi\u00f3n de la expedici\u00f3n de actos administrativos, ya que para controvertir la legalidad de ellos est\u00e1n previstas las acciones de nulidad y nulidad y restablecimiento del derecho ante la jurisdicci\u00f3n contenciosa administrativa, en las cuales se puede solicitar la suspensi\u00f3n del acto desde la demanda como medida cautelar. Solamente ...<br \/><div class=\"pt-cv-rmwrap\"><a href=\"https:\/\/www.dmsjuridica.com\/buscador_20179478954\/corteconstitucionalcronologico202454587\/t-270-12\/\" class=\"_self pt-cv-readmore btn btn-success\" target=\"_self\">Ver Sentencia Completa...<\/a><\/div><\/div><\/div><\/div>\n<div class=\"col-md-12 col-sm-12 col-xs-12 pt-cv-content-item pt-cv-1-col\" ><div class='pt-cv-ifield'><a href=\"https:\/\/www.dmsjuridica.com\/buscador_20179478954\/corteconstitucionalcronologico202454587\/t-269-12\/\" class=\"_self pt-cv-href-thumbnail pt-cv-thumb-default\" target=\"_self\" ><\/a>\n<div class=\"pt-cv-taxoterm above_title\"><a href='https:\/\/www.dmsjuridica.com\/buscador_20179478954\/corteconstitucionalcronologico202454587\/category\/buscar-en-toda-la-corte\/2012\/tutelas-2012\/' title='Tutelas 2012' class='pt-cv-tax-tutelas-2012'>Tutelas 2012<\/a><\/div>\n<h4 class=\"pt-cv-title\"><a href=\"https:\/\/www.dmsjuridica.com\/buscador_20179478954\/corteconstitucionalcronologico202454587\/t-269-12\/\" class=\"_self\" target=\"_self\" >T-269-12<\/a><\/h4>\n<div class=\"pt-cv-content\">\u00a0 \u00a0 Sentencia T-269\/12 \u00a0 COADYUVANCIA EN TUTELA-Alcance del art\u00edculo 13 del Decreto 2591\/91\/TERCERO CON INTERES LEGITIMO-Intervenci\u00f3n como coadyuvantes \u00a0 En el tr\u00e1mite de la acci\u00f3n de tutela, reglamentado en el Decreto 2591 de 1991, se prev\u00e9 que los terceros con inter\u00e9s leg\u00edtimo pueden intervenir en el proceso de tutela actuando como coadyuvantes. El art\u00edculo 13 del Decreto 2591 dispone que \u201cquien tuviere un inter\u00e9s leg\u00edtimo en el resultado del proceso podr\u00e1 intervenir en \u00e9l como coadyuvante del actor o de la persona o autoridad p\u00fablica contra quien se hubiere hecho la solicitud\u201d. Esto implica, en principio, que con independencia ...<br \/><div class=\"pt-cv-rmwrap\"><a href=\"https:\/\/www.dmsjuridica.com\/buscador_20179478954\/corteconstitucionalcronologico202454587\/t-269-12\/\" class=\"_self pt-cv-readmore btn btn-success\" target=\"_self\">Ver Sentencia Completa...<\/a><\/div><\/div><\/div><\/div>\n<div class=\"col-md-12 col-sm-12 col-xs-12 pt-cv-content-item pt-cv-1-col\" ><div class='pt-cv-ifield'><a href=\"https:\/\/www.dmsjuridica.com\/buscador_20179478954\/corteconstitucionalcronologico202454587\/t-267-12\/\" class=\"_self pt-cv-href-thumbnail pt-cv-thumb-default\" target=\"_self\" ><\/a>\n<div class=\"pt-cv-taxoterm above_title\"><a href='https:\/\/www.dmsjuridica.com\/buscador_20179478954\/corteconstitucionalcronologico202454587\/category\/buscar-en-toda-la-corte\/2012\/tutelas-2012\/' title='Tutelas 2012' class='pt-cv-tax-tutelas-2012'>Tutelas 2012<\/a><\/div>\n<h4 class=\"pt-cv-title\"><a href=\"https:\/\/www.dmsjuridica.com\/buscador_20179478954\/corteconstitucionalcronologico202454587\/t-267-12\/\" class=\"_self\" target=\"_self\" >T-267-12<\/a><\/h4>\n<div class=\"pt-cv-content\">\u00a0 \u00a0 Sentencia T-267\/12 \u00a0 CARRERA ESPECIAL DE LAS FUERZAS MILITARES-Fundamento constitucional y especificidades del ingreso \u00a0 CARRERA ADMINISTRATIVA ESPECIAL EN FUERZA PUBLICA-Naturaleza jur\u00eddica \u00a0 (i) Las actuaciones dictadas por las autoridades dentro de los procesos de selecci\u00f3n de personal son actos administrativos a los que les aplica por regla general las disposiciones de la primera parte del CCA y los principios de igualdad, moralidad, eficacia, econom\u00eda, celeridad, imparcialidad, publicidad, buena fe, eficiencia, participaci\u00f3n, responsabilidad y transparencia propios de la funci\u00f3n administrativa; ii) la Constituci\u00f3n estableci\u00f3 como regla general para proveer los empleos p\u00fablicos el r\u00e9gimen de carrera, el cual ...<br \/><div class=\"pt-cv-rmwrap\"><a href=\"https:\/\/www.dmsjuridica.com\/buscador_20179478954\/corteconstitucionalcronologico202454587\/t-267-12\/\" class=\"_self pt-cv-readmore btn btn-success\" target=\"_self\">Ver Sentencia Completa...<\/a><\/div><\/div><\/div><\/div>\n<div class=\"col-md-12 col-sm-12 col-xs-12 pt-cv-content-item pt-cv-1-col\" ><div class='pt-cv-ifield'><a href=\"https:\/\/www.dmsjuridica.com\/buscador_20179478954\/corteconstitucionalcronologico202454587\/t-266-12\/\" class=\"_self pt-cv-href-thumbnail pt-cv-thumb-default\" target=\"_self\" ><\/a>\n<div class=\"pt-cv-taxoterm above_title\"><a href='https:\/\/www.dmsjuridica.com\/buscador_20179478954\/corteconstitucionalcronologico202454587\/category\/buscar-en-toda-la-corte\/2012\/tutelas-2012\/' title='Tutelas 2012' class='pt-cv-tax-tutelas-2012'>Tutelas 2012<\/a><\/div>\n<h4 class=\"pt-cv-title\"><a href=\"https:\/\/www.dmsjuridica.com\/buscador_20179478954\/corteconstitucionalcronologico202454587\/t-266-12\/\" class=\"_self\" target=\"_self\" >T-266-12<\/a><\/h4>\n<div class=\"pt-cv-content\">\u00a0 \u00a0 Sentencia T-266\/12 \u00a0 ACCION DE TUTELA CONTRA PROVIDENCIAS JUDICIALES-Procedencia excepcional y subsidiaria \u00a0 ACCION DE TUTELA CONTRA PROVIDENCIAS JUDICIALES-Requisitos generales y especiales de procedibilidad \u00a0 La procedencia excepcional de la acci\u00f3n de tutela contra providencias judiciales est\u00e1 supeditada a que se verifique el cumplimiento de los requisitos generales y de alguna de las causales espec\u00edficas de procedibilidad, las cuales deben aparecer de forma manifiesta en la providencia examinada. As\u00ed, mientras que la acreditaci\u00f3n de las exigencias generales se relaciona con la procedencia \u00a0de la acci\u00f3n de tutela, las espec\u00edficas se refieren a la prosperidad del amparo reclamado. \u00a0 ...<br \/><div class=\"pt-cv-rmwrap\"><a href=\"https:\/\/www.dmsjuridica.com\/buscador_20179478954\/corteconstitucionalcronologico202454587\/t-266-12\/\" class=\"_self pt-cv-readmore btn btn-success\" target=\"_self\">Ver Sentencia Completa...<\/a><\/div><\/div><\/div><\/div>\n<div class=\"col-md-12 col-sm-12 col-xs-12 pt-cv-content-item pt-cv-1-col\" ><div class='pt-cv-ifield'><a href=\"https:\/\/www.dmsjuridica.com\/buscador_20179478954\/corteconstitucionalcronologico202454587\/t-265-12\/\" class=\"_self pt-cv-href-thumbnail pt-cv-thumb-default\" target=\"_self\" ><\/a>\n<div class=\"pt-cv-taxoterm above_title\"><a href='https:\/\/www.dmsjuridica.com\/buscador_20179478954\/corteconstitucionalcronologico202454587\/category\/buscar-en-toda-la-corte\/2012\/tutelas-2012\/' title='Tutelas 2012' class='pt-cv-tax-tutelas-2012'>Tutelas 2012<\/a><\/div>\n<h4 class=\"pt-cv-title\"><a href=\"https:\/\/www.dmsjuridica.com\/buscador_20179478954\/corteconstitucionalcronologico202454587\/t-265-12\/\" class=\"_self\" target=\"_self\" >T-265-12<\/a><\/h4>\n<div class=\"pt-cv-content\">\u00a0 \u00a0 Sentencia T-265\/12 \u00a0 ACCION DE TUTELA PARA PROTEGER EL DERECHO FUNDAMENTAL A LA SEGURIDAD SOCIAL CUANDO SU AFECTACION SE DERIVA DEL RECONOCIMIENTO DE UNA PENSION-Reiteraci\u00f3n de jurisprudencia \u00a0 Frente al tema pensional, la jurisprudencia constitucional ha establecido que, por regla general y en virtud del principio de subsidiariedad, la acci\u00f3n de tutela no procede para lograr estas prestaciones, toda vez que el legislador ha dispuesto medios de defensa ordinarios para solucionar ese tipo de conflictos, ya sea ante la jurisdicci\u00f3n ordinaria laboral o la contencioso administrativa. No obstante, la Corte Constitucional ha admitido que en algunos casos, la ...<br \/><div class=\"pt-cv-rmwrap\"><a href=\"https:\/\/www.dmsjuridica.com\/buscador_20179478954\/corteconstitucionalcronologico202454587\/t-265-12\/\" class=\"_self pt-cv-readmore btn btn-success\" target=\"_self\">Ver Sentencia Completa...<\/a><\/div><\/div><\/div><\/div>\n<div class=\"col-md-12 col-sm-12 col-xs-12 pt-cv-content-item pt-cv-1-col\" ><div class='pt-cv-ifield'><a href=\"https:\/\/www.dmsjuridica.com\/buscador_20179478954\/corteconstitucionalcronologico202454587\/t-264-12\/\" class=\"_self pt-cv-href-thumbnail pt-cv-thumb-default\" target=\"_self\" ><\/a>\n<div class=\"pt-cv-taxoterm above_title\"><a href='https:\/\/www.dmsjuridica.com\/buscador_20179478954\/corteconstitucionalcronologico202454587\/category\/buscar-en-toda-la-corte\/2012\/tutelas-2012\/' title='Tutelas 2012' class='pt-cv-tax-tutelas-2012'>Tutelas 2012<\/a><\/div>\n<h4 class=\"pt-cv-title\"><a href=\"https:\/\/www.dmsjuridica.com\/buscador_20179478954\/corteconstitucionalcronologico202454587\/t-264-12\/\" class=\"_self\" target=\"_self\" >T-264-12<\/a><\/h4>\n<div class=\"pt-cv-content\">\u00a0 \u00a0 Sentencia T-264\/12 \u00a0 DERECHO A LA VIVIENDA DIGNA-Procedencia de tutela como mecanismo de protecci\u00f3n cuando adquiere rango fundamental \u00a0 DERECHO A LA VIVIENDA DIGNA-Tesis de conexidad entre derecho prestacional y derecho fundamental \u00a0 De acuerdo con esta teor\u00eda, la acci\u00f3n de tutela es procedente en aquellos casos en los que al desconocerse la protecci\u00f3n a la vivienda digna se vulneren o amenacen directa o indirectamente otros derechos fundamentales per se, tales como la vida, la dignidad, la integridad f\u00edsica, la igualdad, el debido proceso, entre otros. Se debe recordar que esta hip\u00f3tesis fue utilizada constantemente no solo para ...<br \/><div class=\"pt-cv-rmwrap\"><a href=\"https:\/\/www.dmsjuridica.com\/buscador_20179478954\/corteconstitucionalcronologico202454587\/t-264-12\/\" class=\"_self pt-cv-readmore btn btn-success\" target=\"_self\">Ver Sentencia Completa...<\/a><\/div><\/div><\/div><\/div>\n<div class=\"col-md-12 col-sm-12 col-xs-12 pt-cv-content-item pt-cv-1-col\" ><div class='pt-cv-ifield'><a href=\"https:\/\/www.dmsjuridica.com\/buscador_20179478954\/corteconstitucionalcronologico202454587\/t-263-12\/\" class=\"_self pt-cv-href-thumbnail pt-cv-thumb-default\" target=\"_self\" ><\/a>\n<div class=\"pt-cv-taxoterm above_title\"><a href='https:\/\/www.dmsjuridica.com\/buscador_20179478954\/corteconstitucionalcronologico202454587\/category\/buscar-en-toda-la-corte\/2012\/tutelas-2012\/' title='Tutelas 2012' class='pt-cv-tax-tutelas-2012'>Tutelas 2012<\/a><\/div>\n<h4 class=\"pt-cv-title\"><a href=\"https:\/\/www.dmsjuridica.com\/buscador_20179478954\/corteconstitucionalcronologico202454587\/t-263-12\/\" class=\"_self\" target=\"_self\" >T-263-12<\/a><\/h4>\n<div class=\"pt-cv-content\">\u00a0 \u00a0 Sentencia T-263\/12 \u00a0 INCAPACIDAD LABORAL-Procedencia de tutela para el pago por existir perjuicio irremediable \u00a0 En lo que respecta al m\u00ednimo vital, la Corte ha reiterado que se presume que el pago de las incapacidades laborales constituye la \u00fanica fuente de ingreso con la que el trabajador cuenta para garantizar su subsistencia y la de su familia, tal como ocurre con su salario. Es por ello que a pesar de la existencia de otras v\u00edas judiciales por las cuales se pueden reclamar las acreencias laborales, entre ellas las incapacidades, cuando \u00e9stas no se pagan oportunamente se afectan derechos ...<br \/><div class=\"pt-cv-rmwrap\"><a href=\"https:\/\/www.dmsjuridica.com\/buscador_20179478954\/corteconstitucionalcronologico202454587\/t-263-12\/\" class=\"_self pt-cv-readmore btn btn-success\" target=\"_self\">Ver Sentencia Completa...<\/a><\/div><\/div><\/div><\/div>\n<div class=\"col-md-12 col-sm-12 col-xs-12 pt-cv-content-item pt-cv-1-col\" ><div class='pt-cv-ifield'><a href=\"https:\/\/www.dmsjuridica.com\/buscador_20179478954\/corteconstitucionalcronologico202454587\/t-262-12\/\" class=\"_self pt-cv-href-thumbnail pt-cv-thumb-default\" target=\"_self\" ><\/a>\n<div class=\"pt-cv-taxoterm above_title\"><a href='https:\/\/www.dmsjuridica.com\/buscador_20179478954\/corteconstitucionalcronologico202454587\/category\/buscar-en-toda-la-corte\/2012\/tutelas-2012\/' title='Tutelas 2012' class='pt-cv-tax-tutelas-2012'>Tutelas 2012<\/a><\/div>\n<h4 class=\"pt-cv-title\"><a href=\"https:\/\/www.dmsjuridica.com\/buscador_20179478954\/corteconstitucionalcronologico202454587\/t-262-12\/\" class=\"_self\" target=\"_self\" >T-262-12<\/a><\/h4>\n<div class=\"pt-cv-content\">\u00a0 \u00a0 Sentencia T-262\/12 \u00a0 ACCION DE TUTELA PARA EL RECONOCIMIENTO DE PENSION DE INVALIDEZ A ENFERMO DE VIH\/SIDA-Procedencia por ser el mecanismo id\u00f3neo para la defensa de los derechos fundamentales del accionante y para lograr el reconocimiento de la prestaci\u00f3n pensional \u00a0 El juez de tutela tiene la labor de valorar si efectivamente el derecho fundamental del accionante se encuentra amenazado o vulnerado, con el fin de establecer si es procedente el amparo. As\u00ed en caso de no disponer de un medio de defensa proceder\u00e1 la acci\u00f3n de tutela de manera definitiva y en el evento que exista y ...<br \/><div class=\"pt-cv-rmwrap\"><a href=\"https:\/\/www.dmsjuridica.com\/buscador_20179478954\/corteconstitucionalcronologico202454587\/t-262-12\/\" class=\"_self pt-cv-readmore btn btn-success\" target=\"_self\">Ver Sentencia Completa...<\/a><\/div><\/div><\/div><\/div>\n<div class=\"col-md-12 col-sm-12 col-xs-12 pt-cv-content-item pt-cv-1-col\" ><div class='pt-cv-ifield'><a href=\"https:\/\/www.dmsjuridica.com\/buscador_20179478954\/corteconstitucionalcronologico202454587\/t-261-12\/\" class=\"_self pt-cv-href-thumbnail pt-cv-thumb-default\" target=\"_self\" ><\/a>\n<div class=\"pt-cv-taxoterm above_title\"><a href='https:\/\/www.dmsjuridica.com\/buscador_20179478954\/corteconstitucionalcronologico202454587\/category\/buscar-en-toda-la-corte\/2012\/tutelas-2012\/' title='Tutelas 2012' class='pt-cv-tax-tutelas-2012'>Tutelas 2012<\/a><\/div>\n<h4 class=\"pt-cv-title\"><a href=\"https:\/\/www.dmsjuridica.com\/buscador_20179478954\/corteconstitucionalcronologico202454587\/t-261-12\/\" class=\"_self\" target=\"_self\" >T-261-12<\/a><\/h4>\n<div class=\"pt-cv-content\">\u00a0 \u00a0 Sentencia T-261\/12 \u00a0 LEGITIMACION POR ACTIVA DEL SINDICATO-Representante legal del Sindicato en representaci\u00f3n de sus afiliados \u00a0 DERECHO DE ASOCIACION SINDICAL-Legitimaci\u00f3n del Sindicato para interponer acci\u00f3n de tutela a favor de sus afiliados \u00a0 A trav\u00e9s de reiterada jurisprudencia de este Tribunal se ha se\u00f1alado que en materia de protecci\u00f3n de intereses colectivos de una organizaci\u00f3n sindical, el representante legal del mismo se encuentra legitimado por activa para interponer las respectivas acciones constitucionales, sin importar si la decisi\u00f3n que se adopte conlleva a la garant\u00eda de derechos individuales de sus miembros. \u00a0En esa medida, los sindicatos est\u00e1n legitimados ...<br \/><div class=\"pt-cv-rmwrap\"><a href=\"https:\/\/www.dmsjuridica.com\/buscador_20179478954\/corteconstitucionalcronologico202454587\/t-261-12\/\" class=\"_self pt-cv-readmore btn btn-success\" target=\"_self\">Ver Sentencia Completa...<\/a><\/div><\/div><\/div><\/div>\n<div class=\"col-md-12 col-sm-12 col-xs-12 pt-cv-content-item pt-cv-1-col\" ><div class='pt-cv-ifield'><a href=\"https:\/\/www.dmsjuridica.com\/buscador_20179478954\/corteconstitucionalcronologico202454587\/t-260-12\/\" class=\"_self pt-cv-href-thumbnail pt-cv-thumb-default\" target=\"_self\" ><\/a>\n<div class=\"pt-cv-taxoterm above_title\"><a href='https:\/\/www.dmsjuridica.com\/buscador_20179478954\/corteconstitucionalcronologico202454587\/category\/buscar-en-toda-la-corte\/2012\/tutelas-2012\/' title='Tutelas 2012' class='pt-cv-tax-tutelas-2012'>Tutelas 2012<\/a><\/div>\n<h4 class=\"pt-cv-title\"><a href=\"https:\/\/www.dmsjuridica.com\/buscador_20179478954\/corteconstitucionalcronologico202454587\/t-260-12\/\" class=\"_self\" target=\"_self\" >T-260-12<\/a><\/h4>\n<div class=\"pt-cv-content\">\u00a0 \u00a0 Sentencia T-260\/12 \u00a0 Los derechos fundamentales de los ni\u00f1os, ni\u00f1as y adolescentes gozan de una especial protecci\u00f3n tanto en el \u00e1mbito internacional como en nuestro Estado Social de Derecho. Ello, dada la situaci\u00f3n de indefensi\u00f3n, vulnerabilidad y debilidad \u00a0de esta poblaci\u00f3n y la necesidad de garantizar un desarrollo arm\u00f3nico e integral de la misma. Los ni\u00f1os, en virtud de su falta de madurez f\u00edsica y mental -que les hace especialmente vulnerables e indefensos frente a todo tipo de riesgos-, necesitan protecci\u00f3n y cuidados especiales, tanto en t\u00e9rminos materiales, psicol\u00f3gicos y afectivos, como en t\u00e9rminos jur\u00eddicos, para garantizar su ...<br \/><div class=\"pt-cv-rmwrap\"><a href=\"https:\/\/www.dmsjuridica.com\/buscador_20179478954\/corteconstitucionalcronologico202454587\/t-260-12\/\" class=\"_self pt-cv-readmore btn btn-success\" target=\"_self\">Ver Sentencia Completa...<\/a><\/div><\/div><\/div><\/div>\n<div class=\"col-md-12 col-sm-12 col-xs-12 pt-cv-content-item pt-cv-1-col\" ><div class='pt-cv-ifield'><a href=\"https:\/\/www.dmsjuridica.com\/buscador_20179478954\/corteconstitucionalcronologico202454587\/t-259-12\/\" class=\"_self pt-cv-href-thumbnail pt-cv-thumb-default\" target=\"_self\" ><\/a>\n<div class=\"pt-cv-taxoterm above_title\"><a href='https:\/\/www.dmsjuridica.com\/buscador_20179478954\/corteconstitucionalcronologico202454587\/category\/buscar-en-toda-la-corte\/2012\/tutelas-2012\/' title='Tutelas 2012' class='pt-cv-tax-tutelas-2012'>Tutelas 2012<\/a><\/div>\n<h4 class=\"pt-cv-title\"><a href=\"https:\/\/www.dmsjuridica.com\/buscador_20179478954\/corteconstitucionalcronologico202454587\/t-259-12\/\" class=\"_self\" target=\"_self\" >T-259-12<\/a><\/h4>\n<div class=\"pt-cv-content\">\u00a0 \u00a0 Sentencia T-259\/12 \u00a0 \u00a0 \u00a0 ACCION DE TUTELA CONTRA PROVIDENCIAS JUDICIALES-Requisitos formales y materiales \u00a0 \u00a0 \u00a0 ACCION DE TUTELA CONTRA PROVIDENCIAS JUDICIALES-Desconocimiento del precedente constitucional \u00a0 \u00a0 \u00a0 FALLO DE LA CORTE CONSTITUCIONAL-Sentido, alcance y fundamento normativo de su obligatoriedad para jueces var\u00eda seg\u00fan sea fallo de constitucionalidad o de revisi\u00f3n de tutela \u00a0 \u00a0 \u00a0 FALLO DE CONSTITUCIONALIDAD-Car\u00e1cter obligatorio con efectos erga omnes y de cosa juzgada constitucional \u00a0 \u00a0 \u00a0 FALLO DE TUTELA-Obligatoriedad de la ratio decidendi se desprende del principio de igualdad y acceso a la administraci\u00f3n de justicia \u00a0 \u00a0 \u00a0 PRECEDENTE CONSTITUCIONAL-Car\u00e1cter ...<br \/><div class=\"pt-cv-rmwrap\"><a href=\"https:\/\/www.dmsjuridica.com\/buscador_20179478954\/corteconstitucionalcronologico202454587\/t-259-12\/\" class=\"_self pt-cv-readmore btn btn-success\" target=\"_self\">Ver Sentencia Completa...<\/a><\/div><\/div><\/div><\/div>\n<div class=\"col-md-12 col-sm-12 col-xs-12 pt-cv-content-item pt-cv-1-col\" ><div class='pt-cv-ifield'><a href=\"https:\/\/www.dmsjuridica.com\/buscador_20179478954\/corteconstitucionalcronologico202454587\/t-258-12\/\" class=\"_self pt-cv-href-thumbnail pt-cv-thumb-default\" target=\"_self\" ><\/a>\n<div class=\"pt-cv-taxoterm above_title\"><a href='https:\/\/www.dmsjuridica.com\/buscador_20179478954\/corteconstitucionalcronologico202454587\/category\/buscar-en-toda-la-corte\/2012\/tutelas-2012\/' title='Tutelas 2012' class='pt-cv-tax-tutelas-2012'>Tutelas 2012<\/a><\/div>\n<h4 class=\"pt-cv-title\"><a href=\"https:\/\/www.dmsjuridica.com\/buscador_20179478954\/corteconstitucionalcronologico202454587\/t-258-12\/\" class=\"_self\" target=\"_self\" >T-258-12<\/a><\/h4>\n<div class=\"pt-cv-content\">\u00a0 \u00a0 Sentencia T-258\/12 \u00a0 ACCION DE TUTELA PARA RECONOCIMIENTO DE PENSION DE VEJEZ-Procedencia excepcional para evitar un perjuicio irremediable \u00a0 ACCION DE TUTELA PARA RECONOCIMIENTO DE PENSION DE VEJEZ-Improcedencia cuando no se cumple con los requisitos consagrados en la ley \u00a0 Referencia: expediente T-3242491 \u00a0 \u00a0 \u00a0 \u00a0 \u00a0 \u00a0 Acci\u00f3n de tutela instaurada mediante apoderado por Alfonso Jaramillo Salazar contra el Instituto de Seguros Sociales. \u00a0 Procedencia: Tribunal Superior del Distrito Judicial de Bogot\u00e1, Sala Penal. \u00a0 \u00a0 \u00a0 Magistrado Ponente:\u00a0 \u00a0 NILSON PINILLA PINILLA \u00a0 Bogot\u00e1, D. C., \u00a0veintinueve (29) de marzo de dos mil doce (2012) ...<br \/><div class=\"pt-cv-rmwrap\"><a href=\"https:\/\/www.dmsjuridica.com\/buscador_20179478954\/corteconstitucionalcronologico202454587\/t-258-12\/\" class=\"_self pt-cv-readmore btn btn-success\" target=\"_self\">Ver Sentencia Completa...<\/a><\/div><\/div><\/div><\/div>\n<div class=\"col-md-12 col-sm-12 col-xs-12 pt-cv-content-item pt-cv-1-col\" ><div class='pt-cv-ifield'><a href=\"https:\/\/www.dmsjuridica.com\/buscador_20179478954\/corteconstitucionalcronologico202454587\/t-257-12\/\" class=\"_self pt-cv-href-thumbnail pt-cv-thumb-default\" target=\"_self\" ><\/a>\n<div class=\"pt-cv-taxoterm above_title\"><a href='https:\/\/www.dmsjuridica.com\/buscador_20179478954\/corteconstitucionalcronologico202454587\/category\/buscar-en-toda-la-corte\/2012\/tutelas-2012\/' title='Tutelas 2012' class='pt-cv-tax-tutelas-2012'>Tutelas 2012<\/a><\/div>\n<h4 class=\"pt-cv-title\"><a href=\"https:\/\/www.dmsjuridica.com\/buscador_20179478954\/corteconstitucionalcronologico202454587\/t-257-12\/\" class=\"_self\" target=\"_self\" >T-257-12<\/a><\/h4>\n<div class=\"pt-cv-content\">\u00a0 \u00a0 Sentencia T-257\/12 \u00a0 \u00a0 \u00a0 DERECHO DE ACCESO A CARGOS PUBLICOS-Garant\u00eda constitucional \u00a0 \u00a0 \u00a0 DERECHO AL TRABAJO Y DERECHO DE ACCESO A CARGOS PUBLICOS-Se materializa en cabeza del ganador del concurso a quien le asiste el derecho de ser nombrado \u00a0 \u00a0 \u00a0 DERECHO AL TRABAJO-Persona que supera pruebas de concurso p\u00fablico de m\u00e9ritos se convierte en titular del derecho y debe ser nombrado en el cargo para el cual concurs\u00f3 \u00a0 \u00a0 \u00a0 DERECHO DE ACCESO A CARGOS PUBLICOS-Posibilidad de presentarse a concursar una vez cumplidos los requisitos previstos en la convocatoria para postularse \u00a0 \u00a0 ...<br \/><div class=\"pt-cv-rmwrap\"><a href=\"https:\/\/www.dmsjuridica.com\/buscador_20179478954\/corteconstitucionalcronologico202454587\/t-257-12\/\" class=\"_self pt-cv-readmore btn btn-success\" target=\"_self\">Ver Sentencia Completa...<\/a><\/div><\/div><\/div><\/div>\n<div class=\"col-md-12 col-sm-12 col-xs-12 pt-cv-content-item pt-cv-1-col\" ><div class='pt-cv-ifield'><a href=\"https:\/\/www.dmsjuridica.com\/buscador_20179478954\/corteconstitucionalcronologico202454587\/t-256-12\/\" class=\"_self pt-cv-href-thumbnail pt-cv-thumb-default\" target=\"_self\" ><\/a>\n<div class=\"pt-cv-taxoterm above_title\"><a href='https:\/\/www.dmsjuridica.com\/buscador_20179478954\/corteconstitucionalcronologico202454587\/category\/buscar-en-toda-la-corte\/2012\/tutelas-2012\/' title='Tutelas 2012' class='pt-cv-tax-tutelas-2012'>Tutelas 2012<\/a><\/div>\n<h4 class=\"pt-cv-title\"><a href=\"https:\/\/www.dmsjuridica.com\/buscador_20179478954\/corteconstitucionalcronologico202454587\/t-256-12\/\" class=\"_self\" target=\"_self\" >T-256-12<\/a><\/h4>\n<div class=\"pt-cv-content\">ACCION DE TUTELA CONTRA PROVIDENCIAS JUDICIALES-Improcedencia por regla general \u00a0 Es preciso tener en cuenta que la acci\u00f3n de tutela se encuentra reservada para aquellos eventos en los cuales se presente una verdadera conculcaci\u00f3n de un derecho fundamental, lo cual suele traducirse en actuaciones arbitrarias, ostensiblemente opuestas al ordenamiento jur\u00eddico, al punto de requerirse la intervenci\u00f3n del juez de tutela como \u00fanica v\u00eda para su restablecimiento, pues de otra forma el instrumento de amparo consignado en el art\u00edculo 86 superior habr\u00eda de convertirse en un mecanismo de enmienda de las decisiones judiciales, interpretaci\u00f3n que resulta por completo ajena a la ...<br \/><div class=\"pt-cv-rmwrap\"><a href=\"https:\/\/www.dmsjuridica.com\/buscador_20179478954\/corteconstitucionalcronologico202454587\/t-256-12\/\" class=\"_self pt-cv-readmore btn btn-success\" target=\"_self\">Ver Sentencia Completa...<\/a><\/div><\/div><\/div><\/div>\n<div class=\"col-md-12 col-sm-12 col-xs-12 pt-cv-content-item pt-cv-1-col\" ><div class='pt-cv-ifield'><a href=\"https:\/\/www.dmsjuridica.com\/buscador_20179478954\/corteconstitucionalcronologico202454587\/t-254-12\/\" class=\"_self pt-cv-href-thumbnail pt-cv-thumb-default\" target=\"_self\" ><\/a>\n<div class=\"pt-cv-taxoterm above_title\"><a href='https:\/\/www.dmsjuridica.com\/buscador_20179478954\/corteconstitucionalcronologico202454587\/category\/buscar-en-toda-la-corte\/2012\/tutelas-2012\/' title='Tutelas 2012' class='pt-cv-tax-tutelas-2012'>Tutelas 2012<\/a><\/div>\n<h4 class=\"pt-cv-title\"><a href=\"https:\/\/www.dmsjuridica.com\/buscador_20179478954\/corteconstitucionalcronologico202454587\/t-254-12\/\" class=\"_self\" target=\"_self\" >T-254-12<\/a><\/h4>\n<div class=\"pt-cv-content\">\u00a0 \u00a0 Sentencia T-254\/12 \u00a0 CARENCIA ACTUAL DE OBJETO POR HECHO SUPERADO-Reiteraci\u00f3n de jurisprudencia \u00a0 CARENCIA ACTUAL DE OBJETO POR HECHO SUPERADO-Reglamentaci\u00f3n de la condonaci\u00f3n de cr\u00e9ditos para estudiantes que son beneficiarios del Fondo Distrital para la Financiaci\u00f3n de la Educaci\u00f3n Superior\u00a0 \u00a0 Referencia: expediente T-3.253.803 \u00a0 Acci\u00f3n de tutela instaurada por Tary Cuyana Garz\u00f3n Land\u00ednez, Alan \u00c1vila Torres, Diana Carolina Hern\u00e1ndez, Jos\u00e9 Lu\u00eds Espinosa Bautista, Mar\u00eda Victoria Espinosa Bautista, Mar\u00eda Alejandra Caro Flautero, Jos\u00e9 Felipe Sanabria Salgado, Katherine Serrano Poveda, Carlos Eduardo Moreno, Lina Zoraya Moncada y Steven Reyes contra la Secretar\u00eda Distrital de Educaci\u00f3n de Bogot\u00e1. \u00a0 Magistrado ...<br \/><div class=\"pt-cv-rmwrap\"><a href=\"https:\/\/www.dmsjuridica.com\/buscador_20179478954\/corteconstitucionalcronologico202454587\/t-254-12\/\" class=\"_self pt-cv-readmore btn btn-success\" target=\"_self\">Ver Sentencia Completa...<\/a><\/div><\/div><\/div><\/div>\n<div class=\"col-md-12 col-sm-12 col-xs-12 pt-cv-content-item pt-cv-1-col\" ><div class='pt-cv-ifield'><a href=\"https:\/\/www.dmsjuridica.com\/buscador_20179478954\/corteconstitucionalcronologico202454587\/t-253-12\/\" class=\"_self pt-cv-href-thumbnail pt-cv-thumb-default\" target=\"_self\" ><\/a>\n<div class=\"pt-cv-taxoterm above_title\"><a href='https:\/\/www.dmsjuridica.com\/buscador_20179478954\/corteconstitucionalcronologico202454587\/category\/buscar-en-toda-la-corte\/2012\/tutelas-2012\/' title='Tutelas 2012' class='pt-cv-tax-tutelas-2012'>Tutelas 2012<\/a><\/div>\n<h4 class=\"pt-cv-title\"><a href=\"https:\/\/www.dmsjuridica.com\/buscador_20179478954\/corteconstitucionalcronologico202454587\/t-253-12\/\" class=\"_self\" target=\"_self\" >T-253-12<\/a><\/h4>\n<div class=\"pt-cv-content\">\u00a0 \u00a0 Sentencia T-253\/12 \u00a0 JURISPRUDENCIA CONSTITUCIONAL SOBRE LA CARENCIA ACTUAL DE OBJETO-Hecho superado y da\u00f1o consumado \u00a0 Es claro para la Sala que la carencia actual de objeto \u2013por hecho superado, da\u00f1o consumado u otra raz\u00f3n que haga inocua la orden de satisfacer la pretensi\u00f3n de la tutela- no impide un pronunciamiento de fondo sobre la existencia de una violaci\u00f3n de derechos fundamentales y la correcci\u00f3n de las decisiones judiciales de instancia, salvo la hip\u00f3tesis de la da\u00f1o consumado con anterioridad a la presentaci\u00f3n de la acci\u00f3n de amparo ya que all\u00ed \u00e9sta es improcedente en virtud del art\u00edculo ...<br \/><div class=\"pt-cv-rmwrap\"><a href=\"https:\/\/www.dmsjuridica.com\/buscador_20179478954\/corteconstitucionalcronologico202454587\/t-253-12\/\" class=\"_self pt-cv-readmore btn btn-success\" target=\"_self\">Ver Sentencia Completa...<\/a><\/div><\/div><\/div><\/div>\n<div class=\"col-md-12 col-sm-12 col-xs-12 pt-cv-content-item pt-cv-1-col\" ><div class='pt-cv-ifield'><a href=\"https:\/\/www.dmsjuridica.com\/buscador_20179478954\/corteconstitucionalcronologico202454587\/t-248-12\/\" class=\"_self pt-cv-href-thumbnail pt-cv-thumb-default\" target=\"_self\" ><\/a>\n<div class=\"pt-cv-taxoterm above_title\"><a href='https:\/\/www.dmsjuridica.com\/buscador_20179478954\/corteconstitucionalcronologico202454587\/category\/buscar-en-toda-la-corte\/2012\/tutelas-2012\/' title='Tutelas 2012' class='pt-cv-tax-tutelas-2012'>Tutelas 2012<\/a><\/div>\n<h4 class=\"pt-cv-title\"><a href=\"https:\/\/www.dmsjuridica.com\/buscador_20179478954\/corteconstitucionalcronologico202454587\/t-248-12\/\" class=\"_self\" target=\"_self\" >T-248-12<\/a><\/h4>\n<div class=\"pt-cv-content\">\u00a0 \u00a0 Sentencia T-248\/12 \u00a0 ACCION DE TUTELA CONTRA PARTICULARES QUE PRESTAN SERVICIO PUBLICO-Procedencia frente Laboratorio cl\u00ednico que dispone de un banco de sangre que tiene responsabilidad con la salud p\u00fablica \u00a0 La parte demandada en el presente caso resulta ser un particular que ejerce un servicio p\u00fablico, toda vez que se trata de un Laboratorio Cl\u00ednico que dispone de un banco de sangre, el cual, como participante del Sistema de Seguridad Social en Salud, se enmarca dentro de la l\u00f3gica de un servicio p\u00fablico que implica el control y mantenimiento de la salubridad general. En ese sentido, el Decreto ...<br \/><div class=\"pt-cv-rmwrap\"><a href=\"https:\/\/www.dmsjuridica.com\/buscador_20179478954\/corteconstitucionalcronologico202454587\/t-248-12\/\" class=\"_self pt-cv-readmore btn btn-success\" target=\"_self\">Ver Sentencia Completa...<\/a><\/div><\/div><\/div><\/div>\n<div class=\"col-md-12 col-sm-12 col-xs-12 pt-cv-content-item pt-cv-1-col\" ><div class='pt-cv-ifield'><a href=\"https:\/\/www.dmsjuridica.com\/buscador_20179478954\/corteconstitucionalcronologico202454587\/t-247-12\/\" class=\"_self pt-cv-href-thumbnail pt-cv-thumb-default\" target=\"_self\" ><\/a>\n<div class=\"pt-cv-taxoterm above_title\"><a href='https:\/\/www.dmsjuridica.com\/buscador_20179478954\/corteconstitucionalcronologico202454587\/category\/buscar-en-toda-la-corte\/2012\/tutelas-2012\/' title='Tutelas 2012' class='pt-cv-tax-tutelas-2012'>Tutelas 2012<\/a><\/div>\n<h4 class=\"pt-cv-title\"><a href=\"https:\/\/www.dmsjuridica.com\/buscador_20179478954\/corteconstitucionalcronologico202454587\/t-247-12\/\" class=\"_self\" target=\"_self\" >T-247-12<\/a><\/h4>\n<div class=\"pt-cv-content\">\u00a0 \u00a0 Sentencia T-247\/12 \u00a0 ACCION DE TUTELA CONTRA ACTO ADMINISTRATIVO QUE ORDENA TRASLADO DE SERVIDOR PUBLICO-Procedencia excepcional \u00a0 A pesar de que la administraci\u00f3n puede modificar las condiciones de prestaci\u00f3n del servicio, no existe discrecionalidad absoluta, pues debe tener en cuenta las condiciones particulares del funcionario que ha ejercido su cargo por a\u00f1os, las cuales no pueden ser alteradas sino por razones que al menos conduzcan a una mejora en el servicio. \u00a0 EJERCICIO DEL IUS VARIANDI Y SUS LIMITES CONSTITUCIONALES EN CASOS DE TRASLADO DE DOCENTES\u00a0 \u00a0 La Corte Constitucional, en reiteradas ocasiones, ha sostenido que la \u00a0facultad ...<br \/><div class=\"pt-cv-rmwrap\"><a href=\"https:\/\/www.dmsjuridica.com\/buscador_20179478954\/corteconstitucionalcronologico202454587\/t-247-12\/\" class=\"_self pt-cv-readmore btn btn-success\" target=\"_self\">Ver Sentencia Completa...<\/a><\/div><\/div><\/div><\/div>\n<div class=\"col-md-12 col-sm-12 col-xs-12 pt-cv-content-item pt-cv-1-col\" ><div class='pt-cv-ifield'><a href=\"https:\/\/www.dmsjuridica.com\/buscador_20179478954\/corteconstitucionalcronologico202454587\/t-246-12\/\" class=\"_self pt-cv-href-thumbnail pt-cv-thumb-default\" target=\"_self\" ><\/a>\n<div class=\"pt-cv-taxoterm above_title\"><a href='https:\/\/www.dmsjuridica.com\/buscador_20179478954\/corteconstitucionalcronologico202454587\/category\/buscar-en-toda-la-corte\/2012\/tutelas-2012\/' title='Tutelas 2012' class='pt-cv-tax-tutelas-2012'>Tutelas 2012<\/a><\/div>\n<h4 class=\"pt-cv-title\"><a href=\"https:\/\/www.dmsjuridica.com\/buscador_20179478954\/corteconstitucionalcronologico202454587\/t-246-12\/\" class=\"_self\" target=\"_self\" >T-246-12<\/a><\/h4>\n<div class=\"pt-cv-content\">\u00a0 \u00a0 Sentencia T-246\/12 \u00a0 DERECHO A LA PENSION DE INVALIDEZ Y DERECHO A LA SEGURIDAD SOCIAL-Protecci\u00f3n por tutela \u00a0 ACCION DE TUTELA PARA RECONOCIMIENTO DE PENSION DE INVALIDEZ-Procedencia excepcional por afectaci\u00f3n al m\u00ednimo vital y vida digna de sujetos de especial protecci\u00f3n \u00a0 Esta Corporaci\u00f3n ha se\u00f1alado que se debe tener en cuenta si el afectado pertenece a alguna de las categor\u00edas sujetas a la especial protecci\u00f3n del Estado. Lo anterior, por cuanto este grupo de personas tienen una incidencia directa en la evaluaci\u00f3n del perjuicio, dado que las condiciones de competencia se ven significativamente disminuidas en raz\u00f3n de ...<br \/><div class=\"pt-cv-rmwrap\"><a href=\"https:\/\/www.dmsjuridica.com\/buscador_20179478954\/corteconstitucionalcronologico202454587\/t-246-12\/\" class=\"_self pt-cv-readmore btn btn-success\" target=\"_self\">Ver Sentencia Completa...<\/a><\/div><\/div><\/div><\/div>\n<div class=\"col-md-12 col-sm-12 col-xs-12 pt-cv-content-item pt-cv-1-col\" ><div class='pt-cv-ifield'><a href=\"https:\/\/www.dmsjuridica.com\/buscador_20179478954\/corteconstitucionalcronologico202454587\/t-245-12\/\" class=\"_self pt-cv-href-thumbnail pt-cv-thumb-default\" target=\"_self\" ><\/a>\n<div class=\"pt-cv-taxoterm above_title\"><a href='https:\/\/www.dmsjuridica.com\/buscador_20179478954\/corteconstitucionalcronologico202454587\/category\/buscar-en-toda-la-corte\/2012\/tutelas-2012\/' title='Tutelas 2012' class='pt-cv-tax-tutelas-2012'>Tutelas 2012<\/a><\/div>\n<h4 class=\"pt-cv-title\"><a href=\"https:\/\/www.dmsjuridica.com\/buscador_20179478954\/corteconstitucionalcronologico202454587\/t-245-12\/\" class=\"_self\" target=\"_self\" >T-245-12<\/a><\/h4>\n<div class=\"pt-cv-content\">\u00a0 \u00a0 Sentencia T-245\/12 \u00a0 DERECHO A LA VIVIENDA DIGNA-Naturaleza jur\u00eddica, alcance y contenido\/DERECHO A LA VIVIENDA DIGNA-Fundamental aut\u00f3nomo \u00a0 No puede asumirse que por el hecho de estar frente a la exigencia de un derecho econ\u00f3mico, social o cultural, la tutela no sea procedente.\u00a0 As\u00ed por ejemplo, en el caso paradigm\u00e1tico del derecho a la salud, a pesar de que en un comienzo la jurisprudencia no fue un\u00e1nime respecto a su naturaleza, raz\u00f3n por la cual se vali\u00f3 de caminos argumentativos como el de la conexidad y el de la transmutaci\u00f3n en derecho fundamental en los casos de sujetos ...<br \/><div class=\"pt-cv-rmwrap\"><a href=\"https:\/\/www.dmsjuridica.com\/buscador_20179478954\/corteconstitucionalcronologico202454587\/t-245-12\/\" class=\"_self pt-cv-readmore btn btn-success\" target=\"_self\">Ver Sentencia Completa...<\/a><\/div><\/div><\/div><\/div>\n<div class=\"col-md-12 col-sm-12 col-xs-12 pt-cv-content-item pt-cv-1-col\" ><div class='pt-cv-ifield'><a href=\"https:\/\/www.dmsjuridica.com\/buscador_20179478954\/corteconstitucionalcronologico202454587\/t-244-12\/\" class=\"_self pt-cv-href-thumbnail pt-cv-thumb-default\" target=\"_self\" ><\/a>\n<div class=\"pt-cv-taxoterm above_title\"><a href='https:\/\/www.dmsjuridica.com\/buscador_20179478954\/corteconstitucionalcronologico202454587\/category\/buscar-en-toda-la-corte\/2012\/tutelas-2012\/' title='Tutelas 2012' class='pt-cv-tax-tutelas-2012'>Tutelas 2012<\/a><\/div>\n<h4 class=\"pt-cv-title\"><a href=\"https:\/\/www.dmsjuridica.com\/buscador_20179478954\/corteconstitucionalcronologico202454587\/t-244-12\/\" class=\"_self\" target=\"_self\" >T-244-12<\/a><\/h4>\n<div class=\"pt-cv-content\">\u00a0 \u00a0 Sentencia T-244\/12 \u00a0 PROYECTOS DE RENOVACION URBANA Y RECUPERACION DEL ESPACIO PUBLICO-Protecci\u00f3n de personas en situaci\u00f3n de vulnerabilidad como los vendedores o comerciantes informales \u00a0 SITUACION O ESTADO DE VULNERABILIDAD-Concepto \u00a0 Esta circunstancia, para algunos autores, tiene que ver con las barreras sociales, econ\u00f3micas, pol\u00edticas y culturales que le son impuestas al individuo desde afuera y que le impiden propender por su propio desarrollo y\/o por el de su n\u00facleo familiar. Bajo esta l\u00ednea argumental, se resalta que el estado de vulnerabilidad va m\u00e1s all\u00e1 de la situaci\u00f3n de debilidad manifiesta y se centra en las causas externas ...<br \/><div class=\"pt-cv-rmwrap\"><a href=\"https:\/\/www.dmsjuridica.com\/buscador_20179478954\/corteconstitucionalcronologico202454587\/t-244-12\/\" class=\"_self pt-cv-readmore btn btn-success\" target=\"_self\">Ver Sentencia Completa...<\/a><\/div><\/div><\/div><\/div>\n<div class=\"col-md-12 col-sm-12 col-xs-12 pt-cv-content-item pt-cv-1-col\" ><div class='pt-cv-ifield'><a href=\"https:\/\/www.dmsjuridica.com\/buscador_20179478954\/corteconstitucionalcronologico202454587\/t-236-12\/\" class=\"_self pt-cv-href-thumbnail pt-cv-thumb-default\" target=\"_self\" ><\/a>\n<div class=\"pt-cv-taxoterm above_title\"><a href='https:\/\/www.dmsjuridica.com\/buscador_20179478954\/corteconstitucionalcronologico202454587\/category\/buscar-en-toda-la-corte\/2012\/tutelas-2012\/' title='Tutelas 2012' class='pt-cv-tax-tutelas-2012'>Tutelas 2012<\/a><\/div>\n<h4 class=\"pt-cv-title\"><a href=\"https:\/\/www.dmsjuridica.com\/buscador_20179478954\/corteconstitucionalcronologico202454587\/t-236-12\/\" class=\"_self\" target=\"_self\" >T-236-12<\/a><\/h4>\n<div class=\"pt-cv-content\">\u00a0 \u00a0 Sentencia T-236\/12 \u00a0 DERECHOS FUNDAMENTALES DE LOS PUEBLOS INDIGENAS A LA DIVERSIDAD ETNICA Y CULTURAL-Reconocimiento y debida protecci\u00f3n \u00a0 La Constituci\u00f3n de 1991 ofrece un espacio para la convivencia de distintos puntos de vista y de diferentes matices y cosmovisiones. En ese mismo orden de ideas, el hilo conductor que recorre de principio a fin la Constituci\u00f3n colombiana procura hacer visibles a quienes durante mucho tiempo fueron opacados hasta el l\u00edmite de la invisibilidad: las minor\u00edas \u00e9tnicas, las mujeres, los discapacitados, los ancianos, los ni\u00f1os y pretende generar un espacio para que esas personas y grupos \u00e9tnicos ejerzan ...<br \/><div class=\"pt-cv-rmwrap\"><a href=\"https:\/\/www.dmsjuridica.com\/buscador_20179478954\/corteconstitucionalcronologico202454587\/t-236-12\/\" class=\"_self pt-cv-readmore btn btn-success\" target=\"_self\">Ver Sentencia Completa...<\/a><\/div><\/div><\/div><\/div>\n<div class=\"col-md-12 col-sm-12 col-xs-12 pt-cv-content-item pt-cv-1-col\" ><div class='pt-cv-ifield'><a href=\"https:\/\/www.dmsjuridica.com\/buscador_20179478954\/corteconstitucionalcronologico202454587\/t-235-12\/\" class=\"_self pt-cv-href-thumbnail pt-cv-thumb-default\" target=\"_self\" ><\/a>\n<div class=\"pt-cv-taxoterm above_title\"><a href='https:\/\/www.dmsjuridica.com\/buscador_20179478954\/corteconstitucionalcronologico202454587\/category\/buscar-en-toda-la-corte\/2012\/tutelas-2012\/' title='Tutelas 2012' class='pt-cv-tax-tutelas-2012'>Tutelas 2012<\/a><\/div>\n<h4 class=\"pt-cv-title\"><a href=\"https:\/\/www.dmsjuridica.com\/buscador_20179478954\/corteconstitucionalcronologico202454587\/t-235-12\/\" class=\"_self\" target=\"_self\" >T-235-12<\/a><\/h4>\n<div class=\"pt-cv-content\">\u00a0 \u00a0 Sentencia T-235\/12 \u00a0 ACCION DE TUTELA Y PRINCIPIO DE INMEDIATEZ-Reiteraci\u00f3n de jurisprudencia\/ACCION DE TUTELA-Improcedencia por incumplimiento del requisito de inmediatez en nombramiento de Gerente de Empresa Social del Estado \u00a0 De acuerdo con reiterada jurisprudencia de esta Corte, la regla general es que la acci\u00f3n de tutela resulta improcedente cuando se interpone de manera extempor\u00e1nea, esto es, despu\u00e9s de haber transcurrido un lapso considerable desde la ocurrencia del hecho vulnerador, que da lugar a la solicitud de protecci\u00f3n, siempre que no medien razones que frente a las circunstancias del caso concreto lo justifiquen. \u00a0 ACCION DE TUTELA CONTRA ...<br \/><div class=\"pt-cv-rmwrap\"><a href=\"https:\/\/www.dmsjuridica.com\/buscador_20179478954\/corteconstitucionalcronologico202454587\/t-235-12\/\" class=\"_self pt-cv-readmore btn btn-success\" target=\"_self\">Ver Sentencia Completa...<\/a><\/div><\/div><\/div><\/div>\n<div class=\"col-md-12 col-sm-12 col-xs-12 pt-cv-content-item pt-cv-1-col\" ><div class='pt-cv-ifield'><a href=\"https:\/\/www.dmsjuridica.com\/buscador_20179478954\/corteconstitucionalcronologico202454587\/t-234-12\/\" class=\"_self pt-cv-href-thumbnail pt-cv-thumb-default\" target=\"_self\" ><\/a>\n<div class=\"pt-cv-taxoterm above_title\"><a href='https:\/\/www.dmsjuridica.com\/buscador_20179478954\/corteconstitucionalcronologico202454587\/category\/buscar-en-toda-la-corte\/2012\/tutelas-2012\/' title='Tutelas 2012' class='pt-cv-tax-tutelas-2012'>Tutelas 2012<\/a><\/div>\n<h4 class=\"pt-cv-title\"><a href=\"https:\/\/www.dmsjuridica.com\/buscador_20179478954\/corteconstitucionalcronologico202454587\/t-234-12\/\" class=\"_self\" target=\"_self\" >T-234-12<\/a><\/h4>\n<div class=\"pt-cv-content\">\u00a0 \u00a0 Sentencia T-234\/12 \u00a0 DEFENSORA DE DERECHOS HUMANOS EN EL CONTEXTO DEL CONFLICTO ARMADO COLOMBIANO-Estado debe adoptar medidas de protecci\u00f3n con enfoque de g\u00e9nero \u00a0 DEFENSORES DE DERECHOS HUMANOS-Protecci\u00f3n nacional e internacional \u00a0 La complejidad de la labor que desarrollan los defensores de derechos humanos, lo cual supone para los Estados en el marco de su protecci\u00f3n, la incorporaci\u00f3n de obligaciones positivas y negativas. Las primeras, deben estar encaminadas a que las autoridades competentes act\u00faen con la debida diligencia para prevenir, investigar y sancionar todo tipo de violaci\u00f3n de sus derechos, mientras que las segundas, aluden a que las ...<br \/><div class=\"pt-cv-rmwrap\"><a href=\"https:\/\/www.dmsjuridica.com\/buscador_20179478954\/corteconstitucionalcronologico202454587\/t-234-12\/\" class=\"_self pt-cv-readmore btn btn-success\" target=\"_self\">Ver Sentencia Completa...<\/a><\/div><\/div><\/div><\/div>\n<div class=\"col-md-12 col-sm-12 col-xs-12 pt-cv-content-item pt-cv-1-col\" ><div class='pt-cv-ifield'><a href=\"https:\/\/www.dmsjuridica.com\/buscador_20179478954\/corteconstitucionalcronologico202454587\/t-233-12\/\" class=\"_self pt-cv-href-thumbnail pt-cv-thumb-default\" target=\"_self\" ><\/a>\n<div class=\"pt-cv-taxoterm above_title\"><a href='https:\/\/www.dmsjuridica.com\/buscador_20179478954\/corteconstitucionalcronologico202454587\/category\/buscar-en-toda-la-corte\/2012\/tutelas-2012\/' title='Tutelas 2012' class='pt-cv-tax-tutelas-2012'>Tutelas 2012<\/a><\/div>\n<h4 class=\"pt-cv-title\"><a href=\"https:\/\/www.dmsjuridica.com\/buscador_20179478954\/corteconstitucionalcronologico202454587\/t-233-12\/\" class=\"_self\" target=\"_self\" >T-233-12<\/a><\/h4>\n<div class=\"pt-cv-content\">\u00a0 \u00a0 Sentencia T-233\/12 \u00a0 COMISION DE REGULACION EN SALUD CRES-Naturaleza \u00a0 DERECHO A LA SALUD-Prestaci\u00f3n de servicios m\u00e9dicos incluidos en el POS es derecho fundamental de car\u00e1cter aut\u00f3nomo \u00a0 Ha dicho la Corte que el acceso a cualquier servicio de salud cuya prestaci\u00f3n se requiera y que se encuentre previsto en los Planes Obligatorios de Salud, es un derecho fundamental aut\u00f3nomo, de ah\u00ed que sea posible acudir en forma directa a la acci\u00f3n de tutela, en procura de obtener su inmediata protecci\u00f3n. As\u00ed las cosas, el derecho a la seguridad social en salud, dada su inexorable relaci\u00f3n con el ...<br \/><div class=\"pt-cv-rmwrap\"><a href=\"https:\/\/www.dmsjuridica.com\/buscador_20179478954\/corteconstitucionalcronologico202454587\/t-233-12\/\" class=\"_self pt-cv-readmore btn btn-success\" target=\"_self\">Ver Sentencia Completa...<\/a><\/div><\/div><\/div><\/div>\n<div class=\"col-md-12 col-sm-12 col-xs-12 pt-cv-content-item pt-cv-1-col\" ><div class='pt-cv-ifield'><a href=\"https:\/\/www.dmsjuridica.com\/buscador_20179478954\/corteconstitucionalcronologico202454587\/t-232-12\/\" class=\"_self pt-cv-href-thumbnail pt-cv-thumb-default\" target=\"_self\" ><\/a>\n<div class=\"pt-cv-taxoterm above_title\"><a href='https:\/\/www.dmsjuridica.com\/buscador_20179478954\/corteconstitucionalcronologico202454587\/category\/buscar-en-toda-la-corte\/2012\/tutelas-2012\/' title='Tutelas 2012' class='pt-cv-tax-tutelas-2012'>Tutelas 2012<\/a><\/div>\n<h4 class=\"pt-cv-title\"><a href=\"https:\/\/www.dmsjuridica.com\/buscador_20179478954\/corteconstitucionalcronologico202454587\/t-232-12\/\" class=\"_self\" target=\"_self\" >T-232-12<\/a><\/h4>\n<div class=\"pt-cv-content\">\u00a0 \u00a0 Sentencia T-232\/12 \u00a0 DERECHOS DEL MENOR A TENER UNA FAMILIA Y A NO SER SEPARADO DE ELLA-Derecho que tiene rango ius fundamental y puede ser protegido por tutela \u00a0 Esta Corporaci\u00f3n ha precisado que los ni\u00f1os, las ni\u00f1as y los adolescentes son sujetos que demandan una especial protecci\u00f3n en virtud de su naturaleza, raz\u00f3n por la cual la defensa de sus derechos es prioritaria para el juez constitucional. En m\u00faltiple jurisprudencia se ha reiterado el valor que tiene el principio del inter\u00e9s superior del menor, el cual debe determinarse teniendo en cuenta consideraciones \u201c(i) f\u00e1cticas \u2013las circunstancias espec\u00edficas ...<br \/><div class=\"pt-cv-rmwrap\"><a href=\"https:\/\/www.dmsjuridica.com\/buscador_20179478954\/corteconstitucionalcronologico202454587\/t-232-12\/\" class=\"_self pt-cv-readmore btn btn-success\" target=\"_self\">Ver Sentencia Completa...<\/a><\/div><\/div><\/div><\/div>\n<div class=\"col-md-12 col-sm-12 col-xs-12 pt-cv-content-item pt-cv-1-col\" ><div class='pt-cv-ifield'><a href=\"https:\/\/www.dmsjuridica.com\/buscador_20179478954\/corteconstitucionalcronologico202454587\/t-231-12\/\" class=\"_self pt-cv-href-thumbnail pt-cv-thumb-default\" target=\"_self\" ><\/a>\n<div class=\"pt-cv-taxoterm above_title\"><a href='https:\/\/www.dmsjuridica.com\/buscador_20179478954\/corteconstitucionalcronologico202454587\/category\/buscar-en-toda-la-corte\/2012\/tutelas-2012\/' title='Tutelas 2012' class='pt-cv-tax-tutelas-2012'>Tutelas 2012<\/a><\/div>\n<h4 class=\"pt-cv-title\"><a href=\"https:\/\/www.dmsjuridica.com\/buscador_20179478954\/corteconstitucionalcronologico202454587\/t-231-12\/\" class=\"_self\" target=\"_self\" >T-231-12<\/a><\/h4>\n<div class=\"pt-cv-content\">\u00a0 \u00a0 Sentencia T-231\/12 \u00a0 ACCION DE TUTELA CONTRA PROVIDENCIAS JUDICIALES-Procedencia excepcional para la protecci\u00f3n de derechos fundamentales \u00a0 La procedencia excepcional de la acci\u00f3n constitucional contra providencias judiciales se justifica, en la necesidad de encontrar un equilibrio que permita concertar los principios constitucionales como el de seguridad jur\u00eddica y autonom\u00eda judicial con el deber de protecci\u00f3n efectiva de los derechos de raigambre fundamental, cuando se observe que \u00e9stos son amenazados o vulnerados con la actuaci\u00f3n de las autoridades judiciales al resolver los asuntos de su competencia. En los casos referidos, se explica el control a trav\u00e9s de la acci\u00f3n ...<br \/><div class=\"pt-cv-rmwrap\"><a href=\"https:\/\/www.dmsjuridica.com\/buscador_20179478954\/corteconstitucionalcronologico202454587\/t-231-12\/\" class=\"_self pt-cv-readmore btn btn-success\" target=\"_self\">Ver Sentencia Completa...<\/a><\/div><\/div><\/div><\/div>\n<div class=\"col-md-12 col-sm-12 col-xs-12 pt-cv-content-item pt-cv-1-col\" ><div class='pt-cv-ifield'><a href=\"https:\/\/www.dmsjuridica.com\/buscador_20179478954\/corteconstitucionalcronologico202454587\/t-230-12\/\" class=\"_self pt-cv-href-thumbnail pt-cv-thumb-default\" target=\"_self\" ><\/a>\n<div class=\"pt-cv-taxoterm above_title\"><a href='https:\/\/www.dmsjuridica.com\/buscador_20179478954\/corteconstitucionalcronologico202454587\/category\/buscar-en-toda-la-corte\/2012\/tutelas-2012\/' title='Tutelas 2012' class='pt-cv-tax-tutelas-2012'>Tutelas 2012<\/a><\/div>\n<h4 class=\"pt-cv-title\"><a href=\"https:\/\/www.dmsjuridica.com\/buscador_20179478954\/corteconstitucionalcronologico202454587\/t-230-12\/\" class=\"_self\" target=\"_self\" >T-230-12<\/a><\/h4>\n<div class=\"pt-cv-content\">\u00a0 \u00a0 Sentencia T-230\/12 \u00a0 PRINCIPIO DE CONTINUIDAD EN EL SERVICIO PUBLICO DE SALUD-Prestaci\u00f3n sin interrupci\u00f3n en evento de cambio de domicilio a otro municipio \u00a0 DERECHO A LA SALUD DE PERSONA AFILIADA AL REGIMEN SUBSIDIADO-Atenci\u00f3n en caso de traslado de residencia a otro municipio \u00a0 En relaci\u00f3n con la atenci\u00f3n de la persona que traslada su residencia hacia otro municipio diferente al del lugar que se afili\u00f3, salvo que sea poblaci\u00f3n desplazada, el art\u00edculo 33 del Acuerdo 244 de 2003 proferido por el CNSSS, prev\u00e9 que deber\u00e1 ser atendida por la red p\u00fablica del municipio en el cual fij\u00f3 ...<br \/><div class=\"pt-cv-rmwrap\"><a href=\"https:\/\/www.dmsjuridica.com\/buscador_20179478954\/corteconstitucionalcronologico202454587\/t-230-12\/\" class=\"_self pt-cv-readmore btn btn-success\" target=\"_self\">Ver Sentencia Completa...<\/a><\/div><\/div><\/div><\/div>\n<div class=\"col-md-12 col-sm-12 col-xs-12 pt-cv-content-item pt-cv-1-col\" ><div class='pt-cv-ifield'><a href=\"https:\/\/www.dmsjuridica.com\/buscador_20179478954\/corteconstitucionalcronologico202454587\/t-229-12\/\" class=\"_self pt-cv-href-thumbnail pt-cv-thumb-default\" target=\"_self\" ><\/a>\n<div class=\"pt-cv-taxoterm above_title\"><a href='https:\/\/www.dmsjuridica.com\/buscador_20179478954\/corteconstitucionalcronologico202454587\/category\/buscar-en-toda-la-corte\/2012\/tutelas-2012\/' title='Tutelas 2012' class='pt-cv-tax-tutelas-2012'>Tutelas 2012<\/a><\/div>\n<h4 class=\"pt-cv-title\"><a href=\"https:\/\/www.dmsjuridica.com\/buscador_20179478954\/corteconstitucionalcronologico202454587\/t-229-12\/\" class=\"_self\" target=\"_self\" >T-229-12<\/a><\/h4>\n<div class=\"pt-cv-content\">\u00a0 \u00a0 Sentencia T-229\/12 \u00a0 DERECHO FUNDAMENTAL A LA SALUD-Procedencia del amparo por v\u00eda de tutela \u00a0 LINEA JURISPRUDENCIAL SOBRE CIRUGIA DE BYPASS GASTRICO POR OBESIDAD MORBIDA \u00a0 PLAN OBLIGATORIO DE SALUD-Inclusi\u00f3n del procedimiento denominado by pass g\u00e1strico por laparoscopia\u00a0 \u00a0 La Corte acogi\u00f3 el concepto emitido por la Direcci\u00f3n General de Salud P\u00fablica del Ministerio de la Protecci\u00f3n Social y la Superintendencia Nacional de Salud, quienes consideran que el procedimiento de By Pass G\u00e1strico debe entenderse como incluido en el POS, siempre y cuando no tenga un fin est\u00e9tico o de embellecimiento para quien lo requiere. En esta medida, ...<br \/><div class=\"pt-cv-rmwrap\"><a href=\"https:\/\/www.dmsjuridica.com\/buscador_20179478954\/corteconstitucionalcronologico202454587\/t-229-12\/\" class=\"_self pt-cv-readmore btn btn-success\" target=\"_self\">Ver Sentencia Completa...<\/a><\/div><\/div><\/div><\/div>\n<div class=\"col-md-12 col-sm-12 col-xs-12 pt-cv-content-item pt-cv-1-col\" ><div class='pt-cv-ifield'><a href=\"https:\/\/www.dmsjuridica.com\/buscador_20179478954\/corteconstitucionalcronologico202454587\/t-228-12\/\" class=\"_self pt-cv-href-thumbnail pt-cv-thumb-default\" target=\"_self\" ><\/a>\n<div class=\"pt-cv-taxoterm above_title\"><a href='https:\/\/www.dmsjuridica.com\/buscador_20179478954\/corteconstitucionalcronologico202454587\/category\/buscar-en-toda-la-corte\/2012\/tutelas-2012\/' title='Tutelas 2012' class='pt-cv-tax-tutelas-2012'>Tutelas 2012<\/a><\/div>\n<h4 class=\"pt-cv-title\"><a href=\"https:\/\/www.dmsjuridica.com\/buscador_20179478954\/corteconstitucionalcronologico202454587\/t-228-12\/\" class=\"_self\" target=\"_self\" >T-228-12<\/a><\/h4>\n<div class=\"pt-cv-content\">\u00a0 \u00a0 Sentencia T-228\/12 \u00a0 PENSION DE SOBREVIVIENTES-Dependencia econ\u00f3mica respecto del afiliado fallecido como requisito para el reconocimiento de la pensi\u00f3n de sobrevivientes \u00a0 VALIDEZ DEL REGISTRO CIVIL COMO PRUEBA PARA DEMOSTRAR PARENTESCO\/REGISTRO CIVIL DE NACIMIENTO-Documento que se requiere para probar el parentesco \u00a0 ACCION DE TUTELA-Car\u00e1cter subsidiario y residual por existencia de otro medio de defensa judicial\/ACCION DE TUTELA Y EXISTENCIA DE OTRO MEDIO DE DEFENSA JUDICIAL-Procedencia excepcional para evitar perjuicio irremediable\/ACCION DE TUTELA CONTRA MINISTERIO DE LA PROTECCION SOCIAL-Improcedencia por cuanto no se cumple con los requisitos de procedibilidad establecidos por el principio de subsidiariedad \u00a0 As\u00ed las ...<br \/><div class=\"pt-cv-rmwrap\"><a href=\"https:\/\/www.dmsjuridica.com\/buscador_20179478954\/corteconstitucionalcronologico202454587\/t-228-12\/\" class=\"_self pt-cv-readmore btn btn-success\" target=\"_self\">Ver Sentencia Completa...<\/a><\/div><\/div><\/div><\/div>\n<div class=\"col-md-12 col-sm-12 col-xs-12 pt-cv-content-item pt-cv-1-col\" ><div class='pt-cv-ifield'><a href=\"https:\/\/www.dmsjuridica.com\/buscador_20179478954\/corteconstitucionalcronologico202454587\/t-227-12\/\" class=\"_self pt-cv-href-thumbnail pt-cv-thumb-default\" target=\"_self\" ><\/a>\n<div class=\"pt-cv-taxoterm above_title\"><a href='https:\/\/www.dmsjuridica.com\/buscador_20179478954\/corteconstitucionalcronologico202454587\/category\/buscar-en-toda-la-corte\/2012\/tutelas-2012\/' title='Tutelas 2012' class='pt-cv-tax-tutelas-2012'>Tutelas 2012<\/a><\/div>\n<h4 class=\"pt-cv-title\"><a href=\"https:\/\/www.dmsjuridica.com\/buscador_20179478954\/corteconstitucionalcronologico202454587\/t-227-12\/\" class=\"_self\" target=\"_self\" >T-227-12<\/a><\/h4>\n<div class=\"pt-cv-content\">\u00a0 \u00a0 Sentencia T-227\/12 \u00a0 DESPLAZAMIENTO FORZADO INTERNO-Procedencia de la acci\u00c3\u00b3n de tutela como mecanismo de protecci\u00c3\u00b3n de los derechos fundamentales de la poblaci\u00c3\u00b3n desplazada \u00a0 La acci\u00c3\u00b3n de tutela resulta ser el mecanismo pertinente, id\u00c3\u00b3neo y eficaz en todas aquellas situaciones en las que el titular del derecho y quien requiere su amparo es un desplazado, el cual, debido a la situaci\u00c3\u00b3n que afronta, se encuentra en un estado de indefensi\u00c3\u00b3n y de debilidad manifiesta por lo que demanda de una actuaci\u00c3\u00b3n pronta, oportuna, positiva y activa por parte del Estado para la protecci\u00c3\u00b3n de sus garant\u00c3\u00adas fundamentales menguadas ...<br \/><div class=\"pt-cv-rmwrap\"><a href=\"https:\/\/www.dmsjuridica.com\/buscador_20179478954\/corteconstitucionalcronologico202454587\/t-227-12\/\" class=\"_self pt-cv-readmore btn btn-success\" target=\"_self\">Ver Sentencia Completa...<\/a><\/div><\/div><\/div><\/div>\n<div class=\"col-md-12 col-sm-12 col-xs-12 pt-cv-content-item pt-cv-1-col\" ><div class='pt-cv-ifield'><a href=\"https:\/\/www.dmsjuridica.com\/buscador_20179478954\/corteconstitucionalcronologico202454587\/t-226-12\/\" class=\"_self pt-cv-href-thumbnail pt-cv-thumb-default\" target=\"_self\" ><\/a>\n<div class=\"pt-cv-taxoterm above_title\"><a href='https:\/\/www.dmsjuridica.com\/buscador_20179478954\/corteconstitucionalcronologico202454587\/category\/buscar-en-toda-la-corte\/2012\/tutelas-2012\/' title='Tutelas 2012' class='pt-cv-tax-tutelas-2012'>Tutelas 2012<\/a><\/div>\n<h4 class=\"pt-cv-title\"><a href=\"https:\/\/www.dmsjuridica.com\/buscador_20179478954\/corteconstitucionalcronologico202454587\/t-226-12\/\" class=\"_self\" target=\"_self\" >T-226-12<\/a><\/h4>\n<div class=\"pt-cv-content\">\u00a0 \u00a0 Sentencia T-226\/12 \u00a0 ACCION DE TUTELA PARA OBTENER REINTEGRO LABORAL DE TRABAJADOR DISCAPACITADO QUE GOCE DE ESTABILIDAD LABORAL REFORZADA-Procedencia excepcional\u00a0 \u00a0 En principio la acci\u00f3n de tutela no resulta procedente para lograr un reintegro laboral, toda vez que la protecci\u00f3n de los derechos violados puede garantizarse mediante la normatividad consagrada en el C\u00f3digo Sustantivo del Trabajo, de tal forma que el juez laboral tiene la competencia y los instrumentos para conocer de este tipo de procesos. Sin embargo, hay algunos grupos especiales (embarazadas, personas con limitaciones, trabajadores en estado de incapacidad y\/o aforados, entre otras) para quienes el ...<br \/><div class=\"pt-cv-rmwrap\"><a href=\"https:\/\/www.dmsjuridica.com\/buscador_20179478954\/corteconstitucionalcronologico202454587\/t-226-12\/\" class=\"_self pt-cv-readmore btn btn-success\" target=\"_self\">Ver Sentencia Completa...<\/a><\/div><\/div><\/div><\/div>\n<div class=\"col-md-12 col-sm-12 col-xs-12 pt-cv-content-item pt-cv-1-col\" ><div class='pt-cv-ifield'><a href=\"https:\/\/www.dmsjuridica.com\/buscador_20179478954\/corteconstitucionalcronologico202454587\/t-225-12\/\" class=\"_self pt-cv-href-thumbnail pt-cv-thumb-default\" target=\"_self\" ><\/a>\n<div class=\"pt-cv-taxoterm above_title\"><a href='https:\/\/www.dmsjuridica.com\/buscador_20179478954\/corteconstitucionalcronologico202454587\/category\/buscar-en-toda-la-corte\/2012\/tutelas-2012\/' title='Tutelas 2012' class='pt-cv-tax-tutelas-2012'>Tutelas 2012<\/a><\/div>\n<h4 class=\"pt-cv-title\"><a href=\"https:\/\/www.dmsjuridica.com\/buscador_20179478954\/corteconstitucionalcronologico202454587\/t-225-12\/\" class=\"_self\" target=\"_self\" >T-225-12<\/a><\/h4>\n<div class=\"pt-cv-content\">\u00a0 \u00a0 Sentencia T-225\/12 \u00a0 INCAPACIDAD LABORAL POR ENFERMEDAD GENERAL-Procedencia excepcional de la acci\u00f3n de tutela para obtener el pago por existir perjuicio irremediable \u00a0 En suma si del an\u00e1lisis de los hechos descritos en la tutela, se llegara a determinar la presencia de los elementos configurativos del perjuicio irremediable, independientemente de que se cuenten con otros medios judiciales para obtener la defensa de los derechos pretendidos, el juez de tutela debe declarar la procedencia excepcional para evitar su consumaci\u00f3n, as\u00ed la cuesti\u00f3n debatida sea de naturaleza laboral y se vean involucradas cuestiones de car\u00e1cter econ\u00f3mico. De esta forma queda ...<br \/><div class=\"pt-cv-rmwrap\"><a href=\"https:\/\/www.dmsjuridica.com\/buscador_20179478954\/corteconstitucionalcronologico202454587\/t-225-12\/\" class=\"_self pt-cv-readmore btn btn-success\" target=\"_self\">Ver Sentencia Completa...<\/a><\/div><\/div><\/div><\/div>\n<div class=\"col-md-12 col-sm-12 col-xs-12 pt-cv-content-item pt-cv-1-col\" ><div class='pt-cv-ifield'><a href=\"https:\/\/www.dmsjuridica.com\/buscador_20179478954\/corteconstitucionalcronologico202454587\/t-223-12\/\" class=\"_self pt-cv-href-thumbnail pt-cv-thumb-default\" target=\"_self\" ><\/a>\n<div class=\"pt-cv-taxoterm above_title\"><a href='https:\/\/www.dmsjuridica.com\/buscador_20179478954\/corteconstitucionalcronologico202454587\/category\/buscar-en-toda-la-corte\/2012\/tutelas-2012\/' title='Tutelas 2012' class='pt-cv-tax-tutelas-2012'>Tutelas 2012<\/a><\/div>\n<h4 class=\"pt-cv-title\"><a href=\"https:\/\/www.dmsjuridica.com\/buscador_20179478954\/corteconstitucionalcronologico202454587\/t-223-12\/\" class=\"_self\" target=\"_self\" >T-223-12<\/a><\/h4>\n<div class=\"pt-cv-content\">\u00a0 \u00a0 \u00a0Sentencia T-223 de 2012 \u00a0 (Bogot\u00e1 D.C., Marzo 20) \u00a0 PENSION DE INVALIDEZ-Finalidad\u00a0 \u00a0 Esta Corporaci\u00f3n ha definido la pensi\u00f3n de invalidez, como una compensaci\u00f3n econ\u00f3mica tendiente a resguardar las necesidades b\u00e1sicas de aquellas personas cuya capacidad laboral se ve disminuida, como una fuente de ingreso para solventar una vida en condiciones de dignidad. Este derecho adquiere una connotaci\u00f3n especial al buscar preservar los derechos de los sujetos de especial protecci\u00f3n como los disminuidos f\u00edsicos, sensoriales o ps\u00edquicos. En relaci\u00f3n con la pensi\u00f3n de invalidez, la Ley 100 de 1993 defini\u00f3 en el art\u00edculo 38, que se considera ...<br \/><div class=\"pt-cv-rmwrap\"><a href=\"https:\/\/www.dmsjuridica.com\/buscador_20179478954\/corteconstitucionalcronologico202454587\/t-223-12\/\" class=\"_self pt-cv-readmore btn btn-success\" target=\"_self\">Ver Sentencia Completa...<\/a><\/div><\/div><\/div><\/div>\n<div class=\"col-md-12 col-sm-12 col-xs-12 pt-cv-content-item pt-cv-1-col\" ><div class='pt-cv-ifield'><a href=\"https:\/\/www.dmsjuridica.com\/buscador_20179478954\/corteconstitucionalcronologico202454587\/t-222-12\/\" class=\"_self pt-cv-href-thumbnail pt-cv-thumb-default\" target=\"_self\" ><\/a>\n<div class=\"pt-cv-taxoterm above_title\"><a href='https:\/\/www.dmsjuridica.com\/buscador_20179478954\/corteconstitucionalcronologico202454587\/category\/buscar-en-toda-la-corte\/2012\/tutelas-2012\/' title='Tutelas 2012' class='pt-cv-tax-tutelas-2012'>Tutelas 2012<\/a><\/div>\n<h4 class=\"pt-cv-title\"><a href=\"https:\/\/www.dmsjuridica.com\/buscador_20179478954\/corteconstitucionalcronologico202454587\/t-222-12\/\" class=\"_self\" target=\"_self\" >T-222-12<\/a><\/h4>\n<div class=\"pt-cv-content\">\u00a0 \u00a0 Sentencia T-222\/12 \u00a0 Bogot\u00e1, DC, marzo 20 de 2012 \u00a0 ACCION DE TUTELA DE MUJER EMBARAZADA EN CONTRATO DE PRESTACION DE SERVICIOS-Improcedencia por cuanto el motivo de la no renovaci\u00f3n del contrato es la desaparici\u00f3n de la causa y el objeto contractual \u00a0 Para esta Sala no es posible concluir que la actuaci\u00f3n de la asociaci\u00f3n accionada hubiera tenido como fundamento el estado de embarazo de la actora y que, como tal, fuera un acto discriminatorio en su contra. Por el contrario, dado el car\u00e1cter netamente civil de la relaci\u00f3n contractual entre las partes y no hallando esta ...<br \/><div class=\"pt-cv-rmwrap\"><a href=\"https:\/\/www.dmsjuridica.com\/buscador_20179478954\/corteconstitucionalcronologico202454587\/t-222-12\/\" class=\"_self pt-cv-readmore btn btn-success\" target=\"_self\">Ver Sentencia Completa...<\/a><\/div><\/div><\/div><\/div>\n<div class=\"col-md-12 col-sm-12 col-xs-12 pt-cv-content-item pt-cv-1-col\" ><div class='pt-cv-ifield'><a href=\"https:\/\/www.dmsjuridica.com\/buscador_20179478954\/corteconstitucionalcronologico202454587\/t-221-12\/\" class=\"_self pt-cv-href-thumbnail pt-cv-thumb-default\" target=\"_self\" ><\/a>\n<div class=\"pt-cv-taxoterm above_title\"><a href='https:\/\/www.dmsjuridica.com\/buscador_20179478954\/corteconstitucionalcronologico202454587\/category\/buscar-en-toda-la-corte\/2012\/tutelas-2012\/' title='Tutelas 2012' class='pt-cv-tax-tutelas-2012'>Tutelas 2012<\/a><\/div>\n<h4 class=\"pt-cv-title\"><a href=\"https:\/\/www.dmsjuridica.com\/buscador_20179478954\/corteconstitucionalcronologico202454587\/t-221-12\/\" class=\"_self\" target=\"_self\" >T-221-12<\/a><\/h4>\n<div class=\"pt-cv-content\">\u00a0 \u00a0 Sentencia T-221\/12 \u00a0 \u00a0Bogot\u00e1, DC, marzo 20 de 2012) \u00a0 INDEMNIZACION SUSTITUTIVA DE LA PENSION DE VEJEZ-Entidades responsables del reconocimiento no pueden oponer a los beneficiarios la circunstancia de haber realizado los aportes antes de promulgaci\u00f3n de Ley 100\/93 \u00a0 INDEMNIZACION SUSTITUTIVA DE PENSION DE VEJEZ-Entidades encargadas de su reconocimiento, deben tener en cuenta semanas cotizadas con anterioridad a vigencia del Sistema de Seguridad Social en Pensiones\u00a0 \u00a0 INDEMNIZACION SUSTITUTIVA DE LA PENSION DE VEJEZ-Reconocimiento y pago por vulneraci\u00f3n del m\u00ednimo vital \u00a0 Referencia: expedientes T 3.255.239, T-3.256.715, T-3.256.712, T-3.259.461. \u00a0 \u00a0\u00a0 Fallos de tutela objeto revisi\u00f3n: Sentencia ...<br \/><div class=\"pt-cv-rmwrap\"><a href=\"https:\/\/www.dmsjuridica.com\/buscador_20179478954\/corteconstitucionalcronologico202454587\/t-221-12\/\" class=\"_self pt-cv-readmore btn btn-success\" target=\"_self\">Ver Sentencia Completa...<\/a><\/div><\/div><\/div><\/div>\n<div class=\"col-md-12 col-sm-12 col-xs-12 pt-cv-content-item pt-cv-1-col\" ><div class='pt-cv-ifield'><a href=\"https:\/\/www.dmsjuridica.com\/buscador_20179478954\/corteconstitucionalcronologico202454587\/t-220-12\/\" class=\"_self pt-cv-href-thumbnail pt-cv-thumb-default\" target=\"_self\" ><\/a>\n<div class=\"pt-cv-taxoterm above_title\"><a href='https:\/\/www.dmsjuridica.com\/buscador_20179478954\/corteconstitucionalcronologico202454587\/category\/buscar-en-toda-la-corte\/2012\/tutelas-2012\/' title='Tutelas 2012' class='pt-cv-tax-tutelas-2012'>Tutelas 2012<\/a><\/div>\n<h4 class=\"pt-cv-title\"><a href=\"https:\/\/www.dmsjuridica.com\/buscador_20179478954\/corteconstitucionalcronologico202454587\/t-220-12\/\" class=\"_self\" target=\"_self\" >T-220-12<\/a><\/h4>\n<div class=\"pt-cv-content\">\u00a0 \u00a0 Sentencia T-220\/12\u00a0 \u00a0 Bogot\u00e1 DC, marzo 20 \u00a0 ACCION DE TUTELA CONTRA PROVIDENCIAS JUDICIALES-Reiteraci\u00f3n de jurisprudencia sobre procedencia excepcional \u00a0 ACCION DE TUTELA CONTRA PROVIDENCIAS JUDICIALES-Reglas de procedencia y procedibilidad conforme a la sentencia C-590\/05 \u00a0 FUERO SINDICAL-Definici\u00f3n \u00a0 El fuero sindical es una garant\u00eda de rango constitucional que cobija a los trabajadores y a los empleados p\u00fablicos que hagan parte de las directivas de los sindicatos, que sean sus miembros adherentes o fundadores de organizaciones sindicales, para permitirles cumplir libremente sus funciones en defensa de los intereses de la asociaci\u00f3n, sin que por esto sean perseguidos o ...<br \/><div class=\"pt-cv-rmwrap\"><a href=\"https:\/\/www.dmsjuridica.com\/buscador_20179478954\/corteconstitucionalcronologico202454587\/t-220-12\/\" class=\"_self pt-cv-readmore btn btn-success\" target=\"_self\">Ver Sentencia Completa...<\/a><\/div><\/div><\/div><\/div>\n<div class=\"col-md-12 col-sm-12 col-xs-12 pt-cv-content-item pt-cv-1-col\" ><div class='pt-cv-ifield'><a href=\"https:\/\/www.dmsjuridica.com\/buscador_20179478954\/corteconstitucionalcronologico202454587\/t-219-12\/\" class=\"_self pt-cv-href-thumbnail pt-cv-thumb-default\" target=\"_self\" ><\/a>\n<div class=\"pt-cv-taxoterm above_title\"><a href='https:\/\/www.dmsjuridica.com\/buscador_20179478954\/corteconstitucionalcronologico202454587\/category\/buscar-en-toda-la-corte\/2012\/tutelas-2012\/' title='Tutelas 2012' class='pt-cv-tax-tutelas-2012'>Tutelas 2012<\/a><\/div>\n<h4 class=\"pt-cv-title\"><a href=\"https:\/\/www.dmsjuridica.com\/buscador_20179478954\/corteconstitucionalcronologico202454587\/t-219-12\/\" class=\"_self\" target=\"_self\" >T-219-12<\/a><\/h4>\n<div class=\"pt-cv-content\">\u00a0 \u00a0 Sentencia T-219\/12 \u00a0 ACCION DE TUTELA FRENTE AL DERECHO DE RECTIFICACION-Principio de inmediatez como requisito de procedibilidad \u00a0 \u00a0 \u00a0 PRINCIPIO DE INMEDIATEZ-T\u00e9rmino razonable y proporcionado \u00a0 \u00a0 \u00a0 SOLICITUD DE RECTIFICACION ANTE MEDIOS DE COMUNICACION-Requisito de inmediatez \u00a0 \u00a0 \u00a0 DERECHO A LA LIBERTAD DE EXPRESION, LIBERTAD DE INFORMACION Y OPINION-Reiteraci\u00f3n de jurisprudencia sobre la verdad y la imparcialidad como l\u00edmites cuando exista colisi\u00f3n con otros derechos \u00a0 \u00a0MEDIOS DE COMUNICACION-Responsabilidad social \u00a0 \u00a0 \u00a0 DERECHO A LA HONRA Y AL BUEN NOMBRE-Concepto \u00a0 \u00a0 \u00a0 VERACIDAD E IMPARCIALIDAD DE LA INFORMACION-Deber\u00a0de diferenciar entre informaci\u00f3n y opini\u00f3n ...<br \/><div class=\"pt-cv-rmwrap\"><a href=\"https:\/\/www.dmsjuridica.com\/buscador_20179478954\/corteconstitucionalcronologico202454587\/t-219-12\/\" class=\"_self pt-cv-readmore btn btn-success\" target=\"_self\">Ver Sentencia Completa...<\/a><\/div><\/div><\/div><\/div>\n<div class=\"col-md-12 col-sm-12 col-xs-12 pt-cv-content-item pt-cv-1-col\" ><div class='pt-cv-ifield'><a href=\"https:\/\/www.dmsjuridica.com\/buscador_20179478954\/corteconstitucionalcronologico202454587\/t-218-12\/\" class=\"_self pt-cv-href-thumbnail pt-cv-thumb-default\" target=\"_self\" ><\/a>\n<div class=\"pt-cv-taxoterm above_title\"><a href='https:\/\/www.dmsjuridica.com\/buscador_20179478954\/corteconstitucionalcronologico202454587\/category\/buscar-en-toda-la-corte\/2012\/tutelas-2012\/' title='Tutelas 2012' class='pt-cv-tax-tutelas-2012'>Tutelas 2012<\/a><\/div>\n<h4 class=\"pt-cv-title\"><a href=\"https:\/\/www.dmsjuridica.com\/buscador_20179478954\/corteconstitucionalcronologico202454587\/t-218-12\/\" class=\"_self\" target=\"_self\" >T-218-12<\/a><\/h4>\n<div class=\"pt-cv-content\">\u00a0 \u00a0 Sentencia T-218\/12 \u00a0 ACCION DE TUTELA CONTRA SENTENCIA DE TUTELA-Improcedencia por haber operado el fen\u00f3meno de la cosa juzgada constitucional \u00a0 Una vez ha culminado el proceso de revisi\u00f3n por parte de la Corte, \u201cno hay lugar para reabrir el debate\u201d y, por tanto, la decisi\u00f3n se torna inmutable y definitivamente vinculante, revisti\u00e9ndose de la calidad de cosa juzgada. As\u00ed las cosas, \u201c(\u2026) [d]ecidido un caso por la Corte Constitucional o terminado el proceso de selecci\u00f3n para revisi\u00f3n y precluido el lapso establecido para insistir en la selecci\u00f3n de un proceso de tutela para revisi\u00f3n (\u2026), opera el ...<br \/><div class=\"pt-cv-rmwrap\"><a href=\"https:\/\/www.dmsjuridica.com\/buscador_20179478954\/corteconstitucionalcronologico202454587\/t-218-12\/\" class=\"_self pt-cv-readmore btn btn-success\" target=\"_self\">Ver Sentencia Completa...<\/a><\/div><\/div><\/div><\/div>\n<div class=\"col-md-12 col-sm-12 col-xs-12 pt-cv-content-item pt-cv-1-col\" ><div class='pt-cv-ifield'><a href=\"https:\/\/www.dmsjuridica.com\/buscador_20179478954\/corteconstitucionalcronologico202454587\/t-217-12\/\" class=\"_self pt-cv-href-thumbnail pt-cv-thumb-default\" target=\"_self\" ><\/a>\n<div class=\"pt-cv-taxoterm above_title\"><a href='https:\/\/www.dmsjuridica.com\/buscador_20179478954\/corteconstitucionalcronologico202454587\/category\/buscar-en-toda-la-corte\/2012\/tutelas-2012\/' title='Tutelas 2012' class='pt-cv-tax-tutelas-2012'>Tutelas 2012<\/a><\/div>\n<h4 class=\"pt-cv-title\"><a href=\"https:\/\/www.dmsjuridica.com\/buscador_20179478954\/corteconstitucionalcronologico202454587\/t-217-12\/\" class=\"_self\" target=\"_self\" >T-217-12<\/a><\/h4>\n<div class=\"pt-cv-content\">\u00a0 \u00a0 Sentencia T-217\/12 \u00a0 ACCION DE TUTELA PARA RECONOCIMIENTO DE PENSION DE SOBREVIVIENTES-Procedencia excepcional cuando se comprueba afectaci\u00f3n de un derecho fundamental y la irreparabilidad del perjuicio que se deriva de esta afectaci\u00f3n\u00a0 \u00a0 NATURALEZA JURIDICA DE PENSION DE SOBREVIVIENTES Y SU CARACTER FUNDAMENTAL-Reiteraci\u00f3n de jurisprudencia \u00a0 PENSION DE SOBREVIVIENTES-Convivencia como requisito para el reconocimiento de la pensi\u00f3n sustitutiva al c\u00f3nyuge o compa\u00f1ero sup\u00e9rstite \u00a0 ACCION DE TUTELA PARA RECONOCIMIENTO DE PENSION DE SOBREVIVIENTES-Caso en que ISS niega sustituci\u00f3n pensional a la esposa sup\u00e9rstite por cuanto compa\u00f1era permanente solicit\u00f3 simult\u00e1neamente el reconocimiento de la prestaci\u00f3n pero no prob\u00f3 tal ...<br \/><div class=\"pt-cv-rmwrap\"><a href=\"https:\/\/www.dmsjuridica.com\/buscador_20179478954\/corteconstitucionalcronologico202454587\/t-217-12\/\" class=\"_self pt-cv-readmore btn btn-success\" target=\"_self\">Ver Sentencia Completa...<\/a><\/div><\/div><\/div><\/div>\n<div class=\"col-md-12 col-sm-12 col-xs-12 pt-cv-content-item pt-cv-1-col\" ><div class='pt-cv-ifield'><a href=\"https:\/\/www.dmsjuridica.com\/buscador_20179478954\/corteconstitucionalcronologico202454587\/t-216-12\/\" class=\"_self pt-cv-href-thumbnail pt-cv-thumb-default\" target=\"_self\" ><\/a>\n<div class=\"pt-cv-taxoterm above_title\"><a href='https:\/\/www.dmsjuridica.com\/buscador_20179478954\/corteconstitucionalcronologico202454587\/category\/buscar-en-toda-la-corte\/2012\/tutelas-2012\/' title='Tutelas 2012' class='pt-cv-tax-tutelas-2012'>Tutelas 2012<\/a><\/div>\n<h4 class=\"pt-cv-title\"><a href=\"https:\/\/www.dmsjuridica.com\/buscador_20179478954\/corteconstitucionalcronologico202454587\/t-216-12\/\" class=\"_self\" target=\"_self\" >T-216-12<\/a><\/h4>\n<div class=\"pt-cv-content\">\u00a0 \u00a0 Sentencia T-216\/12 \u00a0 DERECHO A LA SEGURIDAD SOCIAL EN PENSIONES-Protecci\u00f3n constitucional\u00a0 \u00a0 PENSION DE INVALIDEZ Y MINIMO VITAL-Conexidad \u00a0 La pensi\u00f3n de invalidez est\u00e1 \u00edntimamente ligada con el m\u00ednimo vital de las personas y su n\u00facleo familiar, pues fue creada con el fin de proteger a quien ve disminuida su capacidad laboral por causas ajenas a su voluntad y, por ende, carece de la posibilidad de acceder a un trabajo que le permita obtener su sustento y el de su familia. La Corte Constitucional ha resaltado el car\u00e1cter fundamental del derecho a la seguridad social, cuando su desconocimiento ...<br \/><div class=\"pt-cv-rmwrap\"><a href=\"https:\/\/www.dmsjuridica.com\/buscador_20179478954\/corteconstitucionalcronologico202454587\/t-216-12\/\" class=\"_self pt-cv-readmore btn btn-success\" target=\"_self\">Ver Sentencia Completa...<\/a><\/div><\/div><\/div><\/div>\n<div class=\"col-md-12 col-sm-12 col-xs-12 pt-cv-content-item pt-cv-1-col\" ><div class='pt-cv-ifield'><a href=\"https:\/\/www.dmsjuridica.com\/buscador_20179478954\/corteconstitucionalcronologico202454587\/t-214-12\/\" class=\"_self pt-cv-href-thumbnail pt-cv-thumb-default\" target=\"_self\" ><\/a>\n<div class=\"pt-cv-taxoterm above_title\"><a href='https:\/\/www.dmsjuridica.com\/buscador_20179478954\/corteconstitucionalcronologico202454587\/category\/buscar-en-toda-la-corte\/2012\/tutelas-2012\/' title='Tutelas 2012' class='pt-cv-tax-tutelas-2012'>Tutelas 2012<\/a><\/div>\n<h4 class=\"pt-cv-title\"><a href=\"https:\/\/www.dmsjuridica.com\/buscador_20179478954\/corteconstitucionalcronologico202454587\/t-214-12\/\" class=\"_self\" target=\"_self\" >T-214-12<\/a><\/h4>\n<div class=\"pt-cv-content\">\u00a0 \u00a0 \u00a0\u00a0 Sentencia T-214\/12 \u00a0 ACCION DE TUTELA CONTRA PROVIDENCIAS JUDICIALES-Reiteraci\u00f3n de jurisprudencia sobre requisitos generales y especiales de procedibilidad \u00a0 CARACTERIZACION DEL DEFECTO FACTICO COMO CAUSAL ESPECIFICA DE PROCEDIBILIDAD DE LA ACCION DE TUTELA CONTRA PROVIDENCIAS JUDICIALES \u00a0 CARACTERIZACION DEL DEFECTO PROCEDIMENTAL ABSOLUTO COMO CAUSAL DE PROCEDIBILIDAD DE LA ACCION DE TUTELA CONTRA PROVIDENCIAS JUDICIALES-Reiteraci\u00f3n de jurisprudencia \u00a0 CARACTERIZACION DEL DEFECTO AUSENCIA DE MOTIVACION \u00a0 La motivaci\u00f3n de los fallos judiciales es un deber de los jueces y un derecho fundamental de los ciudadanos, como posici\u00f3n jur\u00eddica concreta derivada del debido proceso. Desde el punto de vista del ...<br \/><div class=\"pt-cv-rmwrap\"><a href=\"https:\/\/www.dmsjuridica.com\/buscador_20179478954\/corteconstitucionalcronologico202454587\/t-214-12\/\" class=\"_self pt-cv-readmore btn btn-success\" target=\"_self\">Ver Sentencia Completa...<\/a><\/div><\/div><\/div><\/div>\n<div class=\"col-md-12 col-sm-12 col-xs-12 pt-cv-content-item pt-cv-1-col\" ><div class='pt-cv-ifield'><a href=\"https:\/\/www.dmsjuridica.com\/buscador_20179478954\/corteconstitucionalcronologico202454587\/t-213-12\/\" class=\"_self pt-cv-href-thumbnail pt-cv-thumb-default\" target=\"_self\" ><\/a>\n<div class=\"pt-cv-taxoterm above_title\"><a href='https:\/\/www.dmsjuridica.com\/buscador_20179478954\/corteconstitucionalcronologico202454587\/category\/buscar-en-toda-la-corte\/2012\/tutelas-2012\/' title='Tutelas 2012' class='pt-cv-tax-tutelas-2012'>Tutelas 2012<\/a><\/div>\n<h4 class=\"pt-cv-title\"><a href=\"https:\/\/www.dmsjuridica.com\/buscador_20179478954\/corteconstitucionalcronologico202454587\/t-213-12\/\" class=\"_self\" target=\"_self\" >T-213-12<\/a><\/h4>\n<div class=\"pt-cv-content\">\u00a0 \u00a0 Sentencia T-213\/12\u00a0 \u00a0 ACCION DE TUTELA CONTRA PROVIDENCIAS JUDICIALES-Reiteraci\u00f3n de jurisprudencia sobre requisitos generales y especiales de procedibilidad \u00a0 La Sala Plena de la Corte Constitucional, en sentencia C-590 de 2005, estableci\u00f3 de forma un\u00e1nime un conjunto sistematizado de requisitos estrictos, de naturaleza sustancial y procedimental, que deben ser acreditados en cada caso concreto, como presupuestos ineludibles para la protecci\u00f3n de los derechos fundamentales afectados por una providencia judicial. Ellos se dividen en dos grupos: (i) los requisitos generales, que est\u00e1n relacionados con condiciones f\u00e1cticas y de procedimiento, las cuales buscan hacer compatible dicha procedencia con la eficacia ...<br \/><div class=\"pt-cv-rmwrap\"><a href=\"https:\/\/www.dmsjuridica.com\/buscador_20179478954\/corteconstitucionalcronologico202454587\/t-213-12\/\" class=\"_self pt-cv-readmore btn btn-success\" target=\"_self\">Ver Sentencia Completa...<\/a><\/div><\/div><\/div><\/div>\n<div class=\"col-md-12 col-sm-12 col-xs-12 pt-cv-content-item pt-cv-1-col\" ><div class='pt-cv-ifield'><a href=\"https:\/\/www.dmsjuridica.com\/buscador_20179478954\/corteconstitucionalcronologico202454587\/t-212-12\/\" class=\"_self pt-cv-href-thumbnail pt-cv-thumb-default\" target=\"_self\" ><\/a>\n<div class=\"pt-cv-taxoterm above_title\"><a href='https:\/\/www.dmsjuridica.com\/buscador_20179478954\/corteconstitucionalcronologico202454587\/category\/buscar-en-toda-la-corte\/2012\/tutelas-2012\/' title='Tutelas 2012' class='pt-cv-tax-tutelas-2012'>Tutelas 2012<\/a><\/div>\n<h4 class=\"pt-cv-title\"><a href=\"https:\/\/www.dmsjuridica.com\/buscador_20179478954\/corteconstitucionalcronologico202454587\/t-212-12\/\" class=\"_self\" target=\"_self\" >T-212-12<\/a><\/h4>\n<div class=\"pt-cv-content\">\u00a0 \u00a0 Sentencia T-212\/12 \u00a0 ACCION DE TUTELA CONTRA PROVIDENCIAS JUDICIALES-Reiteraci\u00f3n de jurisprudencia sobre requisitos generales y especiales de procedibilidad \u00a0 PRINCIPIOS DEL PROCEDIMIENTO CONTENCIOSO ADMINISTRATIVO DEL NUEVO CODIGO-Deben respeto por la jurisprudencia\/SEPARACION DEL PRECEDENTE-Ante situaciones f\u00e1cticas iguales corresponde la misma soluci\u00f3n jur\u00eddica, a menos que el juez competente exprese razones serias y suficientes para apartarse del precedente \u00a0 Como lo ha se\u00f1alado la jurisprudencia y la doctrina nacional y extranjera, son varias las relaciones que puede plantear un funcionario judicial con relaci\u00f3n a un precedente judicial que lo vincule. Cundo la jurisprudencia ha establecido un modelo de soluci\u00f3n de ...<br \/><div class=\"pt-cv-rmwrap\"><a href=\"https:\/\/www.dmsjuridica.com\/buscador_20179478954\/corteconstitucionalcronologico202454587\/t-212-12\/\" class=\"_self pt-cv-readmore btn btn-success\" target=\"_self\">Ver Sentencia Completa...<\/a><\/div><\/div><\/div><\/div>\n<div class=\"col-md-12 col-sm-12 col-xs-12 pt-cv-content-item pt-cv-1-col\" ><div class='pt-cv-ifield'><a href=\"https:\/\/www.dmsjuridica.com\/buscador_20179478954\/corteconstitucionalcronologico202454587\/t-211-12\/\" class=\"_self pt-cv-href-thumbnail pt-cv-thumb-default\" target=\"_self\" ><\/a>\n<div class=\"pt-cv-taxoterm above_title\"><a href='https:\/\/www.dmsjuridica.com\/buscador_20179478954\/corteconstitucionalcronologico202454587\/category\/buscar-en-toda-la-corte\/2012\/tutelas-2012\/' title='Tutelas 2012' class='pt-cv-tax-tutelas-2012'>Tutelas 2012<\/a><\/div>\n<h4 class=\"pt-cv-title\"><a href=\"https:\/\/www.dmsjuridica.com\/buscador_20179478954\/corteconstitucionalcronologico202454587\/t-211-12\/\" class=\"_self\" target=\"_self\" >T-211-12<\/a><\/h4>\n<div class=\"pt-cv-content\">\u00a0 \u00a0 Sentencia T-211\/12 \u00a0 ACCION DE TUTELA Y PRINCIPIO DE SUBSIDIARIEDAD-Procedencia excepcional cuando exista perjuicio irremediable \u00a0 PRINCIPIO DE INMEDIATEZ-Caso en que empleado fue despedido con p\u00e9rdida de capacidad laboral permanente por accidente de trabajo \u00a0 ESTABILIDAD LABORAL REFORZADA DE PERSONAS EN ESTADO DE DEBILIDAD MANIFIESTA POR ACCIDENTE DE TRABAJO-Protecci\u00f3n constitucional especial \u00a0 DERECHO FUNDAMENTAL A LA ESTABILIDAD LABORAL REFORZADA DE QUIENES SE ENCUENTRAN EN CIRCUNSTANCIAS DE DEBILIDAD MANIFIESTA O INDEFENSION-L\u00ednea jurisprudencial \u00a0 La jurisprudencia de la Corte Constitucional ha se\u00f1alado que los trabajadores que puedan catalogarse como (i) inv\u00e1lidos, (ii) discapacitados, (iii) disminuidos f\u00edsicos, s\u00edquicos o sensoriales, y ...<br \/><div class=\"pt-cv-rmwrap\"><a href=\"https:\/\/www.dmsjuridica.com\/buscador_20179478954\/corteconstitucionalcronologico202454587\/t-211-12\/\" class=\"_self pt-cv-readmore btn btn-success\" target=\"_self\">Ver Sentencia Completa...<\/a><\/div><\/div><\/div><\/div>\n<div class=\"col-md-12 col-sm-12 col-xs-12 pt-cv-content-item pt-cv-1-col\" ><div class='pt-cv-ifield'><a href=\"https:\/\/www.dmsjuridica.com\/buscador_20179478954\/corteconstitucionalcronologico202454587\/t-210-12\/\" class=\"_self pt-cv-href-thumbnail pt-cv-thumb-default\" target=\"_self\" ><\/a>\n<div class=\"pt-cv-taxoterm above_title\"><a href='https:\/\/www.dmsjuridica.com\/buscador_20179478954\/corteconstitucionalcronologico202454587\/category\/buscar-en-toda-la-corte\/2012\/tutelas-2012\/' title='Tutelas 2012' class='pt-cv-tax-tutelas-2012'>Tutelas 2012<\/a><\/div>\n<h4 class=\"pt-cv-title\"><a href=\"https:\/\/www.dmsjuridica.com\/buscador_20179478954\/corteconstitucionalcronologico202454587\/t-210-12\/\" class=\"_self\" target=\"_self\" >T-210-12<\/a><\/h4>\n<div class=\"pt-cv-content\">\u00a0 \u00a0 Sentencia T-210\/12 \u00a0 ACCION DE TUTELA PARA EL RECONOCIMIENTO DE PENSION DE VEJEZ-Procedencia por vulneraci\u00f3n al debido proceso, m\u00ednimo vital y seguridad social por parte del ISS al exigir requisitos adicionales a los consagrados en la Constituci\u00f3n y la Ley para reconocimiento pensional \u00a0 CARENCIA ACTUAL DE OBJETO POR HECHO SUPERADO-Caso en que accionante le fue reconocida pensi\u00f3n de vejez \u00a0 Referencia: expediente T-3259569 \u00a0 Acci\u00f3n de tutela instaurada por Ana Benigna Rivera Tovar contra el Instituto de Seguros Sociales \u00a0 Magistrada Ponente: \u00a0 MAR\u00cdA VICTORIA CALLE CORREA \u00a0 Bogot\u00e1, D.C., quince (15) de marzo de dos mil ...<br \/><div class=\"pt-cv-rmwrap\"><a href=\"https:\/\/www.dmsjuridica.com\/buscador_20179478954\/corteconstitucionalcronologico202454587\/t-210-12\/\" class=\"_self pt-cv-readmore btn btn-success\" target=\"_self\">Ver Sentencia Completa...<\/a><\/div><\/div><\/div><\/div>\n<div class=\"col-md-12 col-sm-12 col-xs-12 pt-cv-content-item pt-cv-1-col\" ><div class='pt-cv-ifield'><a href=\"https:\/\/www.dmsjuridica.com\/buscador_20179478954\/corteconstitucionalcronologico202454587\/t-209-12\/\" class=\"_self pt-cv-href-thumbnail pt-cv-thumb-default\" target=\"_self\" ><\/a>\n<div class=\"pt-cv-taxoterm above_title\"><a href='https:\/\/www.dmsjuridica.com\/buscador_20179478954\/corteconstitucionalcronologico202454587\/category\/buscar-en-toda-la-corte\/2012\/tutelas-2012\/' title='Tutelas 2012' class='pt-cv-tax-tutelas-2012'>Tutelas 2012<\/a><\/div>\n<h4 class=\"pt-cv-title\"><a href=\"https:\/\/www.dmsjuridica.com\/buscador_20179478954\/corteconstitucionalcronologico202454587\/t-209-12\/\" class=\"_self\" target=\"_self\" >T-209-12<\/a><\/h4>\n<div class=\"pt-cv-content\">\u00a0 \u00a0 Sentencia T-209\/12 \u00a0 ACCION DE TUTELA PARA RECONOCIMIENTO DE PENSION DE INVALIDEZ-Procedencia excepcional para obtener el pago cuando hay perjuicio irremediable \u00a0 La Sala advierte que con la acci\u00f3n de tutela, el peticionario busca evitar un perjuicio inminente, toda vez que se trata de una persona que padece una enfermedad grave que pone en riesgo su vida, que fue calificado con un porcentaje de p\u00e9rdida de capacidad laboral del setenta y seis punto veinticinco por ciento (76.25%), y quien manifiesta que no cuenta con una fuente de ingresos para proveerse su subsistencia pues se encuentra desempleado, lo cual ...<br \/><div class=\"pt-cv-rmwrap\"><a href=\"https:\/\/www.dmsjuridica.com\/buscador_20179478954\/corteconstitucionalcronologico202454587\/t-209-12\/\" class=\"_self pt-cv-readmore btn btn-success\" target=\"_self\">Ver Sentencia Completa...<\/a><\/div><\/div><\/div><\/div>\n<div class=\"col-md-12 col-sm-12 col-xs-12 pt-cv-content-item pt-cv-1-col\" ><div class='pt-cv-ifield'><a href=\"https:\/\/www.dmsjuridica.com\/buscador_20179478954\/corteconstitucionalcronologico202454587\/t-208-12\/\" class=\"_self pt-cv-href-thumbnail pt-cv-thumb-default\" target=\"_self\" ><\/a>\n<div class=\"pt-cv-taxoterm above_title\"><a href='https:\/\/www.dmsjuridica.com\/buscador_20179478954\/corteconstitucionalcronologico202454587\/category\/buscar-en-toda-la-corte\/2012\/tutelas-2012\/' title='Tutelas 2012' class='pt-cv-tax-tutelas-2012'>Tutelas 2012<\/a><\/div>\n<h4 class=\"pt-cv-title\"><a href=\"https:\/\/www.dmsjuridica.com\/buscador_20179478954\/corteconstitucionalcronologico202454587\/t-208-12\/\" class=\"_self\" target=\"_self\" >T-208-12<\/a><\/h4>\n<div class=\"pt-cv-content\">\u00a0 \u00a0 Sentencia T-208\/12\u00a0 \u00a0 Es claro que cuando a la entidad encargada de pensiones se le solicita el reconocimiento de dicha prestaci\u00f3n, ella tiene cuatro meses para dar respuesta a la solicitud de fondo, y en todo caso seis meses para tomar las medidas necesarias para empezar a pagar las mesadas pensionales. Es clara la jurisprudencia al establecer que el desconocimiento de dichos t\u00e9rminos, no s\u00f3lo acarrea la vulneraci\u00f3n del derecho fundamental de petici\u00f3n, sino tambi\u00e9n del derecho a la seguridad social, al m\u00ednimo vital y a la vida digna; por lo cual a partir de ese entonces, se ...<br \/><div class=\"pt-cv-rmwrap\"><a href=\"https:\/\/www.dmsjuridica.com\/buscador_20179478954\/corteconstitucionalcronologico202454587\/t-208-12\/\" class=\"_self pt-cv-readmore btn btn-success\" target=\"_self\">Ver Sentencia Completa...<\/a><\/div><\/div><\/div><\/div>\n<div class=\"col-md-12 col-sm-12 col-xs-12 pt-cv-content-item pt-cv-1-col\" ><div class='pt-cv-ifield'><a href=\"https:\/\/www.dmsjuridica.com\/buscador_20179478954\/corteconstitucionalcronologico202454587\/t-207-12\/\" class=\"_self pt-cv-href-thumbnail pt-cv-thumb-default\" target=\"_self\" ><\/a>\n<div class=\"pt-cv-taxoterm above_title\"><a href='https:\/\/www.dmsjuridica.com\/buscador_20179478954\/corteconstitucionalcronologico202454587\/category\/buscar-en-toda-la-corte\/2012\/tutelas-2012\/' title='Tutelas 2012' class='pt-cv-tax-tutelas-2012'>Tutelas 2012<\/a><\/div>\n<h4 class=\"pt-cv-title\"><a href=\"https:\/\/www.dmsjuridica.com\/buscador_20179478954\/corteconstitucionalcronologico202454587\/t-207-12\/\" class=\"_self\" target=\"_self\" >T-207-12<\/a><\/h4>\n<div class=\"pt-cv-content\">\u00a0 \u00a0 Expediente T-3244776 \u00a0 Sentencia T-207\/12 \u00a0 DESPLAZAMIENTO FORZADO INTERNO-Procedencia de la acci\u00f3n de tutela como mecanismo de protecci\u00f3n de los derechos fundamentales de la poblaci\u00f3n desplazada\/PRINCIPIO DE INMEDIATEZ FRENTE A POBLACION DESPLAZADA-Flexibilidad \u00a0 Mediante la sentencia T-025 de 2004 esta corporaci\u00f3n reconoci\u00f3 la vulneraci\u00f3n m\u00faltiple, masiva y continua de derechos fundamentales a la cual ha sido sometida la poblaci\u00f3n desplazada, por tanto les otorg\u00f3 el car\u00e1cter de sujetos de especial protecci\u00f3n constitucional. Esta declaraci\u00f3n por parte de la Corte resalt\u00f3 el trato preferencial que los desplazados y desplazadas deben recibir ante todas las esferas del Estado. Este trato ...<br \/><div class=\"pt-cv-rmwrap\"><a href=\"https:\/\/www.dmsjuridica.com\/buscador_20179478954\/corteconstitucionalcronologico202454587\/t-207-12\/\" class=\"_self pt-cv-readmore btn btn-success\" target=\"_self\">Ver Sentencia Completa...<\/a><\/div><\/div><\/div><\/div>\n<div class=\"col-md-12 col-sm-12 col-xs-12 pt-cv-content-item pt-cv-1-col\" ><div class='pt-cv-ifield'><a href=\"https:\/\/www.dmsjuridica.com\/buscador_20179478954\/corteconstitucionalcronologico202454587\/t-206-12\/\" class=\"_self pt-cv-href-thumbnail pt-cv-thumb-default\" target=\"_self\" ><\/a>\n<div class=\"pt-cv-taxoterm above_title\"><a href='https:\/\/www.dmsjuridica.com\/buscador_20179478954\/corteconstitucionalcronologico202454587\/category\/buscar-en-toda-la-corte\/2012\/tutelas-2012\/' title='Tutelas 2012' class='pt-cv-tax-tutelas-2012'>Tutelas 2012<\/a><\/div>\n<h4 class=\"pt-cv-title\"><a href=\"https:\/\/www.dmsjuridica.com\/buscador_20179478954\/corteconstitucionalcronologico202454587\/t-206-12\/\" class=\"_self\" target=\"_self\" >T-206-12<\/a><\/h4>\n<div class=\"pt-cv-content\">ACCION DE TUTELA CONTRA PROVIDENCIAS JUDICIALES-Procedencia por desconocimiento del precedente judicial en materia de necesidad de motivaci\u00f3n del acto de desvinculaci\u00f3n de funcionario nombrado en provisionalidad en cargos de carrera \u00a0 ACCION DE TUTELA CONTRA PROVIDENCIAS JUDICIALES POR FALTA DE MOTIVACION DE ACTOS DE DESVINCULACION DE FUNCIONARIOS NOMBRADOS EN PROVISIONALIDAD EN CARGOS DE CARRERA-Reiteraci\u00f3n sentencia SU917\/10 \u00a0 ACCION DE TUTELA CONTRA TRIBUNAL ADMINISTRATIVO-Se ordena proferir nueva sentencia que tenga en cuenta el precedente jurisprudencial en materia de motivaci\u00f3n del acto de desvinculaci\u00f3n de funcionarios que ocupan en provisionalidad cargos de carrera \u00a0 Referencia: expediente T- 3.244.737 \u00a0 Acci\u00f3n de tutela ...<br \/><div class=\"pt-cv-rmwrap\"><a href=\"https:\/\/www.dmsjuridica.com\/buscador_20179478954\/corteconstitucionalcronologico202454587\/t-206-12\/\" class=\"_self pt-cv-readmore btn btn-success\" target=\"_self\">Ver Sentencia Completa...<\/a><\/div><\/div><\/div><\/div>\n<div class=\"col-md-12 col-sm-12 col-xs-12 pt-cv-content-item pt-cv-1-col\" ><div class='pt-cv-ifield'><a href=\"https:\/\/www.dmsjuridica.com\/buscador_20179478954\/corteconstitucionalcronologico202454587\/t-205-12\/\" class=\"_self pt-cv-href-thumbnail pt-cv-thumb-default\" target=\"_self\" ><\/a>\n<div class=\"pt-cv-taxoterm above_title\"><a href='https:\/\/www.dmsjuridica.com\/buscador_20179478954\/corteconstitucionalcronologico202454587\/category\/buscar-en-toda-la-corte\/2012\/tutelas-2012\/' title='Tutelas 2012' class='pt-cv-tax-tutelas-2012'>Tutelas 2012<\/a><\/div>\n<h4 class=\"pt-cv-title\"><a href=\"https:\/\/www.dmsjuridica.com\/buscador_20179478954\/corteconstitucionalcronologico202454587\/t-205-12\/\" class=\"_self\" target=\"_self\" >T-205-12<\/a><\/h4>\n<div class=\"pt-cv-content\">\u00a0 \u00a0 Sentencia T-205\/12 \u00a0 ACCION DE TUTELA-Car\u00e1cter subsidiario y residual por existencia de otro medio de defensa judicial\/PRINCIPIO DE SUBSIDIARIEDAD-Excepciones \u00a0 La Corte Constitucional ha indicado que, dado el car\u00e1cter subsidiario y residual de la acci\u00f3n de tutela, el afectado s\u00f3lo podr\u00e1 acudir a ella en ausencia de otro medio de defensa judicial para la protecci\u00f3n del derecho invocado, ya que debe entenderse que esta acci\u00f3n constitucional no puede entrar a sustituir los recursos o medios ordinarios previstos por el legislador para el amparo de un derecho. Sin embargo, tambi\u00e9n ha dicho que esta regla tiene dos excepciones que ...<br \/><div class=\"pt-cv-rmwrap\"><a href=\"https:\/\/www.dmsjuridica.com\/buscador_20179478954\/corteconstitucionalcronologico202454587\/t-205-12\/\" class=\"_self pt-cv-readmore btn btn-success\" target=\"_self\">Ver Sentencia Completa...<\/a><\/div><\/div><\/div><\/div>\n<div class=\"col-md-12 col-sm-12 col-xs-12 pt-cv-content-item pt-cv-1-col\" ><div class='pt-cv-ifield'><a href=\"https:\/\/www.dmsjuridica.com\/buscador_20179478954\/corteconstitucionalcronologico202454587\/t-204-12\/\" class=\"_self pt-cv-href-thumbnail pt-cv-thumb-default\" target=\"_self\" ><\/a>\n<div class=\"pt-cv-taxoterm above_title\"><a href='https:\/\/www.dmsjuridica.com\/buscador_20179478954\/corteconstitucionalcronologico202454587\/category\/buscar-en-toda-la-corte\/2012\/tutelas-2012\/' title='Tutelas 2012' class='pt-cv-tax-tutelas-2012'>Tutelas 2012<\/a><\/div>\n<h4 class=\"pt-cv-title\"><a href=\"https:\/\/www.dmsjuridica.com\/buscador_20179478954\/corteconstitucionalcronologico202454587\/t-204-12\/\" class=\"_self\" target=\"_self\" >T-204-12<\/a><\/h4>\n<div class=\"pt-cv-content\">\u00a0 \u00a0 Sentencia T-204\/12 \u00a0 MOTIVACION DE LOS ACTOS ADMINISTRATIVOS-Fundamentos constitucionales \u00a0 La motivaci\u00f3n de los actos administrativos proviene del cumplimiento de preceptos constitucionales que garantizan que los particulares tengan la posibilidad de contradecir las decisiones de los entes p\u00fablicos ante las v\u00edas gubernativa y judicial, evitando de esta forma la configuraci\u00f3n de actos de abuso de poder. De esta forma, le corresponde a la administraci\u00f3n motivar sus actos y a los entes judiciales decidir si tal argumentaci\u00f3n se ajusta o no al ordenamiento jur\u00eddico. \u00a0 \u00a0 \u00a0 DISCRECIONALIDAD RELATIVA Y LA EXCEPCION DE MOTIVACION DE LOS ACTOS ADMINISTRATIVOS \u00a0 ...<br \/><div class=\"pt-cv-rmwrap\"><a href=\"https:\/\/www.dmsjuridica.com\/buscador_20179478954\/corteconstitucionalcronologico202454587\/t-204-12\/\" class=\"_self pt-cv-readmore btn btn-success\" target=\"_self\">Ver Sentencia Completa...<\/a><\/div><\/div><\/div><\/div>\n<div class=\"col-md-12 col-sm-12 col-xs-12 pt-cv-content-item pt-cv-1-col\" ><div class='pt-cv-ifield'><a href=\"https:\/\/www.dmsjuridica.com\/buscador_20179478954\/corteconstitucionalcronologico202454587\/t-203-12\/\" class=\"_self pt-cv-href-thumbnail pt-cv-thumb-default\" target=\"_self\" ><\/a>\n<div class=\"pt-cv-taxoterm above_title\"><a href='https:\/\/www.dmsjuridica.com\/buscador_20179478954\/corteconstitucionalcronologico202454587\/category\/buscar-en-toda-la-corte\/2012\/tutelas-2012\/' title='Tutelas 2012' class='pt-cv-tax-tutelas-2012'>Tutelas 2012<\/a><\/div>\n<h4 class=\"pt-cv-title\"><a href=\"https:\/\/www.dmsjuridica.com\/buscador_20179478954\/corteconstitucionalcronologico202454587\/t-203-12\/\" class=\"_self\" target=\"_self\" >T-203-12<\/a><\/h4>\n<div class=\"pt-cv-content\">\u00a0 \u00a0 Sentencia T-203\/12 \u00a0 AGENCIA OFICIOSA EN TUTELA DE NI\u00d1OS, NI\u00d1AS Y ADOLESCENTES-Madre en representaci\u00f3n de hija con discapacidad \u00a0 Esta Corte ha precisado que la agencia oficiosa se da cuando el titular del derecho no puede asumir su defensa personalmente. Adem\u00e1s, tiene como finalidad garantizar la protecci\u00f3n y eficacia de sus derechos fundamentales, al admitir que un tercero presente la petici\u00f3n de amparo y act\u00fae en su favor sin que medie poder. Asimismo, ha determinado que para intervenir como agente oficioso se deben verificar dos requisitos: (i) que el agente oficioso manifieste actuar en tal sentido; y (ii) ...<br \/><div class=\"pt-cv-rmwrap\"><a href=\"https:\/\/www.dmsjuridica.com\/buscador_20179478954\/corteconstitucionalcronologico202454587\/t-203-12\/\" class=\"_self pt-cv-readmore btn btn-success\" target=\"_self\">Ver Sentencia Completa...<\/a><\/div><\/div><\/div><\/div>\n<div class=\"col-md-12 col-sm-12 col-xs-12 pt-cv-content-item pt-cv-1-col\" ><div class='pt-cv-ifield'><a href=\"https:\/\/www.dmsjuridica.com\/buscador_20179478954\/corteconstitucionalcronologico202454587\/t-202-12\/\" class=\"_self pt-cv-href-thumbnail pt-cv-thumb-default\" target=\"_self\" ><\/a>\n<div class=\"pt-cv-taxoterm above_title\"><a href='https:\/\/www.dmsjuridica.com\/buscador_20179478954\/corteconstitucionalcronologico202454587\/category\/buscar-en-toda-la-corte\/2012\/tutelas-2012\/' title='Tutelas 2012' class='pt-cv-tax-tutelas-2012'>Tutelas 2012<\/a><\/div>\n<h4 class=\"pt-cv-title\"><a href=\"https:\/\/www.dmsjuridica.com\/buscador_20179478954\/corteconstitucionalcronologico202454587\/t-202-12\/\" class=\"_self\" target=\"_self\" >T-202-12<\/a><\/h4>\n<div class=\"pt-cv-content\">\u00a0 \u00a0 Sentencia T-202\/12 \u00a0 ACCION DE TUTELA CONTRA PARTICULARES CUANDO EL AFECTADO SE ENCUENTRA EN ESTADO DE INDEFENSION-\u00c1mbito de cobertura y eficacia de protecci\u00f3n de derechos fundamentales en las relaciones privadas \u00a0 La Corte ha se\u00f1alado que el estado de indefensi\u00f3n existe cuando una persona ha sido puesta en una situaci\u00f3n que la hace incapaz de repeler f\u00edsica o jur\u00eddicamente las agresiones de las cuales viene siendo objeto por parte de un particular, que ponen en peligro sus derechos fundamentales. En otras palabras, no tiene posibilidades jur\u00eddicas ni f\u00e1cticas para reaccionar defendiendo sus intereses. As\u00ed, la \u00a0posible situaci\u00f3n de ...<br \/><div class=\"pt-cv-rmwrap\"><a href=\"https:\/\/www.dmsjuridica.com\/buscador_20179478954\/corteconstitucionalcronologico202454587\/t-202-12\/\" class=\"_self pt-cv-readmore btn btn-success\" target=\"_self\">Ver Sentencia Completa...<\/a><\/div><\/div><\/div><\/div>\n<div class=\"col-md-12 col-sm-12 col-xs-12 pt-cv-content-item pt-cv-1-col\" ><div class='pt-cv-ifield'><a href=\"https:\/\/www.dmsjuridica.com\/buscador_20179478954\/corteconstitucionalcronologico202454587\/t-201-12\/\" class=\"_self pt-cv-href-thumbnail pt-cv-thumb-default\" target=\"_self\" ><\/a>\n<div class=\"pt-cv-taxoterm above_title\"><a href='https:\/\/www.dmsjuridica.com\/buscador_20179478954\/corteconstitucionalcronologico202454587\/category\/buscar-en-toda-la-corte\/2012\/tutelas-2012\/' title='Tutelas 2012' class='pt-cv-tax-tutelas-2012'>Tutelas 2012<\/a><\/div>\n<h4 class=\"pt-cv-title\"><a href=\"https:\/\/www.dmsjuridica.com\/buscador_20179478954\/corteconstitucionalcronologico202454587\/t-201-12\/\" class=\"_self\" target=\"_self\" >T-201-12<\/a><\/h4>\n<div class=\"pt-cv-content\">\u00a0 \u00a0 Sentencia T-201\/12 \u00a0 ACCION DE TUTELA CONTRA PROVIDENCIAS JUDICIALES-Improcedencia por regla general \u00a0 ACCION DE TUTELA CONTRA PROVIDENCIAS JUDICIALES-Evoluci\u00f3n jurisprudencial \u00a0 ACCION DE TUTELA CONTRA PROVIDENCIAS JUDICIALES-Reiteraci\u00f3n de jurisprudencia sobre requisitos generales y especiales de procedibilidad \u00a0 REQUISITOS DEL REGIMEN DE TRANSICION DE LA LEY 100\/93 Y REGIMEN DEL DECRETO 758\/90 \u00a0 ACCION DE TUTELA CONTRA PROVIDENCIAS JUDICIALES-Caso de pensi\u00f3n de jubilaci\u00f3n solicitada a la jurisdicci\u00f3n laboral que la neg\u00f3 por incumplimiento de semanas \u00a0 Referencia: expediente T-3262564 \u00a0 Acci\u00f3n de tutela promovida mediante apoderada por Ra\u00fal Aurelio Guerrero Maldonado, contra la Sala Laboral del Tribunal Superior de ...<br \/><div class=\"pt-cv-rmwrap\"><a href=\"https:\/\/www.dmsjuridica.com\/buscador_20179478954\/corteconstitucionalcronologico202454587\/t-201-12\/\" class=\"_self pt-cv-readmore btn btn-success\" target=\"_self\">Ver Sentencia Completa...<\/a><\/div><\/div><\/div><\/div>\n<div class=\"col-md-12 col-sm-12 col-xs-12 pt-cv-content-item pt-cv-1-col\" ><div class='pt-cv-ifield'><a href=\"https:\/\/www.dmsjuridica.com\/buscador_20179478954\/corteconstitucionalcronologico202454587\/t-194-12\/\" class=\"_self pt-cv-href-thumbnail pt-cv-thumb-default\" target=\"_self\" ><\/a>\n<div class=\"pt-cv-taxoterm above_title\"><a href='https:\/\/www.dmsjuridica.com\/buscador_20179478954\/corteconstitucionalcronologico202454587\/category\/buscar-en-toda-la-corte\/2012\/tutelas-2012\/' title='Tutelas 2012' class='pt-cv-tax-tutelas-2012'>Tutelas 2012<\/a><\/div>\n<h4 class=\"pt-cv-title\"><a href=\"https:\/\/www.dmsjuridica.com\/buscador_20179478954\/corteconstitucionalcronologico202454587\/t-194-12\/\" class=\"_self\" target=\"_self\" >T-194-12<\/a><\/h4>\n<div class=\"pt-cv-content\">\u00a0 \u00a0 Sentencia T-194\/12 \u00a0 Bogot\u00e1, DC., marzo 12 de 2012) \u00a0 APODERAMIENTO JUDICIAL EN TUTELA-Requisitos \u00a0 ACCION DE TUTELA-Falta de especificidad o determinaci\u00f3n en el poder del abogado\/FALTA DE LEGITIMACION POR ACTIVA EN TUTELA-Abogado con poder especial conferido para asunto diferente \u00a0 Si bien el poder suscrito por la se\u00f1ora y su apoderado cuenta con los elementos esenciales y se\u00f1ala los extremos de la Litis, el acto o documento que causa la vulneraci\u00f3n y el derecho fundamental violado; en el presente asunto, ni la situaci\u00f3n f\u00e1ctica que origina el proceso de tutela, ni las actuaciones cuestionadas dentro del amparo ...<br \/><div class=\"pt-cv-rmwrap\"><a href=\"https:\/\/www.dmsjuridica.com\/buscador_20179478954\/corteconstitucionalcronologico202454587\/t-194-12\/\" class=\"_self pt-cv-readmore btn btn-success\" target=\"_self\">Ver Sentencia Completa...<\/a><\/div><\/div><\/div><\/div>\n<div class=\"col-md-12 col-sm-12 col-xs-12 pt-cv-content-item pt-cv-1-col\" ><div class='pt-cv-ifield'><a href=\"https:\/\/www.dmsjuridica.com\/buscador_20179478954\/corteconstitucionalcronologico202454587\/t-193-12\/\" class=\"_self pt-cv-href-thumbnail pt-cv-thumb-default\" target=\"_self\" ><\/a>\n<div class=\"pt-cv-taxoterm above_title\"><a href='https:\/\/www.dmsjuridica.com\/buscador_20179478954\/corteconstitucionalcronologico202454587\/category\/buscar-en-toda-la-corte\/2012\/tutelas-2012\/' title='Tutelas 2012' class='pt-cv-tax-tutelas-2012'>Tutelas 2012<\/a><\/div>\n<h4 class=\"pt-cv-title\"><a href=\"https:\/\/www.dmsjuridica.com\/buscador_20179478954\/corteconstitucionalcronologico202454587\/t-193-12\/\" class=\"_self\" target=\"_self\" >T-193-12<\/a><\/h4>\n<div class=\"pt-cv-content\">\u00a0 \u00a0 Sentencia T-193\/12 \u00a0 (Bogot\u00e1 DC, marzo 12 de 2012) \u00a0 ACCION DE TUTELA CONTRA ACTUACIONES DE AUTORIDADES DE POLICIA-Procedencia \u00a0 DEBIDO PROCESO POLICIVO-No vulneraci\u00f3n por cuanto la decisi\u00f3n de declarar la nulidad del proceso civil de polic\u00eda, se ajust\u00f3 a lo preceptuado en el C\u00f3digo Nacional de Polic\u00eda \u00a0 Referencia: expedientes T 3.242.080. \u00a0 \u00a0\u00a0 Fallo de tutela objeto revisi\u00f3n: Sentencia del Juzgado Once Civil Municipal de Barranquilla, de 25 de julio\/11 y Sentencia de segunda Instancia del Juzgado D\u00e9cimo Civil del Circuito de Barranquilla del 7 de septiembre\/11. \u00a0 \u00a0\u00a0 \u00a0 \u00a0 \u00a0 Accionante: Sociedad C.I. Lubriven ...<br \/><div class=\"pt-cv-rmwrap\"><a href=\"https:\/\/www.dmsjuridica.com\/buscador_20179478954\/corteconstitucionalcronologico202454587\/t-193-12\/\" class=\"_self pt-cv-readmore btn btn-success\" target=\"_self\">Ver Sentencia Completa...<\/a><\/div><\/div><\/div><\/div>\n<div class=\"col-md-12 col-sm-12 col-xs-12 pt-cv-content-item pt-cv-1-col\" ><div class='pt-cv-ifield'><a href=\"https:\/\/www.dmsjuridica.com\/buscador_20179478954\/corteconstitucionalcronologico202454587\/t-192-12\/\" class=\"_self pt-cv-href-thumbnail pt-cv-thumb-default\" target=\"_self\" ><\/a>\n<div class=\"pt-cv-taxoterm above_title\"><a href='https:\/\/www.dmsjuridica.com\/buscador_20179478954\/corteconstitucionalcronologico202454587\/category\/buscar-en-toda-la-corte\/2012\/tutelas-2012\/' title='Tutelas 2012' class='pt-cv-tax-tutelas-2012'>Tutelas 2012<\/a><\/div>\n<h4 class=\"pt-cv-title\"><a href=\"https:\/\/www.dmsjuridica.com\/buscador_20179478954\/corteconstitucionalcronologico202454587\/t-192-12\/\" class=\"_self\" target=\"_self\" >T-192-12<\/a><\/h4>\n<div class=\"pt-cv-content\">\u00a0 \u00a0 Sentencia T-192\/12\u00a0 \u00a0 (Bogot\u00e1 D.C., marzo 12) \u00a0 DERECHO A LA ESTABILIDAD LABORAL REFORZADA DE PERSONA EN ESTADO DE DEBILIDAD MANIFIESTA CON LIMITACIONES FISICAS, SENSORIALES O PSICOLOGICAS-Reiteraci\u00f3n de jurisprudencia \u00a0 ACCION DE TUTELA PARA OBTENER REINTEGRO LABORAL DE TRABAJADOR DISCAPACITADO QUE GOCE DE ESTABILIDAD LABORAL REFORZADA-Procedencia excepcional \u00a0 Cuando se invoca la titularidad de la estabilidad laboral reforzada, el modo de terminaci\u00f3n del contrato de trabajo es relevante al momento de revisar la procedibilidad de la acci\u00f3n de tutela como mecanismo para lograr el reintegro laboral. \u00a0En este asunto se plantea \u00a0(i) la terminaci\u00f3n de la relaci\u00f3n laboral ...<br \/><div class=\"pt-cv-rmwrap\"><a href=\"https:\/\/www.dmsjuridica.com\/buscador_20179478954\/corteconstitucionalcronologico202454587\/t-192-12\/\" class=\"_self pt-cv-readmore btn btn-success\" target=\"_self\">Ver Sentencia Completa...<\/a><\/div><\/div><\/div><\/div>\n<div class=\"col-md-12 col-sm-12 col-xs-12 pt-cv-content-item pt-cv-1-col\" ><div class='pt-cv-ifield'><a href=\"https:\/\/www.dmsjuridica.com\/buscador_20179478954\/corteconstitucionalcronologico202454587\/t-191-12\/\" class=\"_self pt-cv-href-thumbnail pt-cv-thumb-default\" target=\"_self\" ><\/a>\n<div class=\"pt-cv-taxoterm above_title\"><a href='https:\/\/www.dmsjuridica.com\/buscador_20179478954\/corteconstitucionalcronologico202454587\/category\/buscar-en-toda-la-corte\/2012\/tutelas-2012\/' title='Tutelas 2012' class='pt-cv-tax-tutelas-2012'>Tutelas 2012<\/a><\/div>\n<h4 class=\"pt-cv-title\"><a href=\"https:\/\/www.dmsjuridica.com\/buscador_20179478954\/corteconstitucionalcronologico202454587\/t-191-12\/\" class=\"_self\" target=\"_self\" >T-191-12<\/a><\/h4>\n<div class=\"pt-cv-content\">\u00a0 \u00a0 Sentencia T-191\/12 \u00a0 (Bogot\u00e1 D.C., Marzo 12) \u00a0 DERECHO A LA ESTABILIDAD LABORAL REFORZADA DE TRABAJADOR DISCAPACITADO O AFECTADO CON LIMITACIONES-Protecci\u00f3n especial \u00a0 DERECHO A LA ESTABILIDAD LABORAL REFORZADA-Trabajador que estaba incapacitado por enfermedad y fue despedido del trabajo \u00a0 DERECHO A LA ESTABILIDAD LABORAL REFORZADA-Caso en que se ordena reintegro de empleado que fue despedido por haber superado la incapacidad los 180 d\u00edas \u00a0 DERECHO A LA ESTABILIDAD LABORAL REFORZADA DE TRABAJADOR DISCAPACITADO-Caso en que procede el reintegro por cuanto fue despedido debido a su discapacidad sin previa autorizaci\u00f3n del Ministerio de la Protecci\u00f3n Social \u00a0 Referencia: ...<br \/><div class=\"pt-cv-rmwrap\"><a href=\"https:\/\/www.dmsjuridica.com\/buscador_20179478954\/corteconstitucionalcronologico202454587\/t-191-12\/\" class=\"_self pt-cv-readmore btn btn-success\" target=\"_self\">Ver Sentencia Completa...<\/a><\/div><\/div><\/div><\/div>\n<div class=\"col-md-12 col-sm-12 col-xs-12 pt-cv-content-item pt-cv-1-col\" ><div class='pt-cv-ifield'><a href=\"https:\/\/www.dmsjuridica.com\/buscador_20179478954\/corteconstitucionalcronologico202454587\/t-190-12\/\" class=\"_self pt-cv-href-thumbnail pt-cv-thumb-default\" target=\"_self\" ><\/a>\n<div class=\"pt-cv-taxoterm above_title\"><a href='https:\/\/www.dmsjuridica.com\/buscador_20179478954\/corteconstitucionalcronologico202454587\/category\/buscar-en-toda-la-corte\/2012\/tutelas-2012\/' title='Tutelas 2012' class='pt-cv-tax-tutelas-2012'>Tutelas 2012<\/a><\/div>\n<h4 class=\"pt-cv-title\"><a href=\"https:\/\/www.dmsjuridica.com\/buscador_20179478954\/corteconstitucionalcronologico202454587\/t-190-12\/\" class=\"_self\" target=\"_self\" >T-190-12<\/a><\/h4>\n<div class=\"pt-cv-content\">\u00a0 \u00a0 Sentencia T-190\/12\u00a0 \u00a0 (Bogot\u00e1 D.C., marzo 12) \u00a0 REINTEGRO DE PERSONA EN ESTADO DE DEBILIDAD MANIFIESTA O PERDIDA DE CAPACIDAD LABORAL-Procedencia \u00a0 \u00a0 \u00a0 DERECHO A LA ESTABILIDAD REFORZADA-Car\u00e1cter garantista \u00a0 \u00a0 \u00a0 \u00a0 \u00a0 ACCION DE TUTELA PARA REINTEGRO DE PERSONA EN ESTADO DE DEBILIDAD MANIFIESTA-No procede de forma autom\u00e1tica por ser necesario establecer nexo de causalidad entre despido y estado de salud \u00a0 \u00a0 \u00a0 INCAPACIDAD LABORAL POR ENFERMEDAD NO PROFESIONAL O ACCIDENTE COMUN-Regulaci\u00f3n de prestaciones \u00a0 \u00a0 \u00a0 DERECHO AL TRABAJO Y SEGURIDAD SOCIAL DE PERSONA EN ESTADO DE DEBILIDAD MANIFIESTA PRODUCTO DE ACCIDENTE LABORAL-Transgresi\u00f3n ...<br \/><div class=\"pt-cv-rmwrap\"><a href=\"https:\/\/www.dmsjuridica.com\/buscador_20179478954\/corteconstitucionalcronologico202454587\/t-190-12\/\" class=\"_self pt-cv-readmore btn btn-success\" target=\"_self\">Ver Sentencia Completa...<\/a><\/div><\/div><\/div><\/div>\n<div class=\"col-md-12 col-sm-12 col-xs-12 pt-cv-content-item pt-cv-1-col\" ><div class='pt-cv-ifield'><a href=\"https:\/\/www.dmsjuridica.com\/buscador_20179478954\/corteconstitucionalcronologico202454587\/t-188-12\/\" class=\"_self pt-cv-href-thumbnail pt-cv-thumb-default\" target=\"_self\" ><\/a>\n<div class=\"pt-cv-taxoterm above_title\"><a href='https:\/\/www.dmsjuridica.com\/buscador_20179478954\/corteconstitucionalcronologico202454587\/category\/buscar-en-toda-la-corte\/2012\/tutelas-2012\/' title='Tutelas 2012' class='pt-cv-tax-tutelas-2012'>Tutelas 2012<\/a><\/div>\n<h4 class=\"pt-cv-title\"><a href=\"https:\/\/www.dmsjuridica.com\/buscador_20179478954\/corteconstitucionalcronologico202454587\/t-188-12\/\" class=\"_self\" target=\"_self\" >T-188-12<\/a><\/h4>\n<div class=\"pt-cv-content\">\u00a0 \u00a0 Sentencia T-188\/12 \u00a0 DERECHO FUNDAMENTAL AL AGUA-Concepto y fundamento \u00a0 El agua en el ordenamiento jur\u00eddico colombiano tiene una doble connotaci\u00f3n pues se erige como un derecho fundamental y como un servicio p\u00fablico. En tal sentido, todas las personas deben poder acceder al servicio de acueducto en condiciones de cantidad y calidad suficiente y al Estado le corresponde organizar, dirigir, reglamentar y garantizar su prestaci\u00f3n de conformidad con los principios de eficiencia, universalidad y solidaridad. El agua se erige como una necesidad b\u00e1sica, al ser un elemento indisoluble para la existencia del ser humano. Esta necesidad es universal, ...<br \/><div class=\"pt-cv-rmwrap\"><a href=\"https:\/\/www.dmsjuridica.com\/buscador_20179478954\/corteconstitucionalcronologico202454587\/t-188-12\/\" class=\"_self pt-cv-readmore btn btn-success\" target=\"_self\">Ver Sentencia Completa...<\/a><\/div><\/div><\/div><\/div>\n<div class=\"col-md-12 col-sm-12 col-xs-12 pt-cv-content-item pt-cv-1-col\" ><div class='pt-cv-ifield'><a href=\"https:\/\/www.dmsjuridica.com\/buscador_20179478954\/corteconstitucionalcronologico202454587\/t-187-12\/\" class=\"_self pt-cv-href-thumbnail pt-cv-thumb-default\" target=\"_self\" ><\/a>\n<div class=\"pt-cv-taxoterm above_title\"><a href='https:\/\/www.dmsjuridica.com\/buscador_20179478954\/corteconstitucionalcronologico202454587\/category\/buscar-en-toda-la-corte\/2012\/tutelas-2012\/' title='Tutelas 2012' class='pt-cv-tax-tutelas-2012'>Tutelas 2012<\/a><\/div>\n<h4 class=\"pt-cv-title\"><a href=\"https:\/\/www.dmsjuridica.com\/buscador_20179478954\/corteconstitucionalcronologico202454587\/t-187-12\/\" class=\"_self\" target=\"_self\" >T-187-12<\/a><\/h4>\n<div class=\"pt-cv-content\">\u00a0 \u00a0 Sentencia T-187\/12 \u00a0 LEGITIMACION POR ACTIVA EN TUTELA-Alcance y contenido \u00a0 AGENCIA OFICIOSA EN TUTELA-Alcance y contenido \u00a0 PRINCIPIO DE INMEDIATEZ EN ACCION DE TUTELA-T\u00e9rmino razonable y oportuno \u00a0 La jurisprudencia constitucional ha sostenido invariablemente que la ausencia de un t\u00e9rmino de caducidad o prescripci\u00f3n en la acci\u00f3n de tutela implica que el juez no puede simplemente rechazarla en la etapa de admisi\u00f3n con fundamento en el paso del tiempo, sin embargo, de la misma forma ha dicho que la finalidad de la tutela como v\u00eda judicial de protecci\u00f3n inmediata de derechos fundamentales obliga a la autoridad judicial ...<br \/><div class=\"pt-cv-rmwrap\"><a href=\"https:\/\/www.dmsjuridica.com\/buscador_20179478954\/corteconstitucionalcronologico202454587\/t-187-12\/\" class=\"_self pt-cv-readmore btn btn-success\" target=\"_self\">Ver Sentencia Completa...<\/a><\/div><\/div><\/div><\/div>\n<div class=\"col-md-12 col-sm-12 col-xs-12 pt-cv-content-item pt-cv-1-col\" ><div class='pt-cv-ifield'><a href=\"https:\/\/www.dmsjuridica.com\/buscador_20179478954\/corteconstitucionalcronologico202454587\/t-186-12\/\" class=\"_self pt-cv-href-thumbnail pt-cv-thumb-default\" target=\"_self\" ><\/a>\n<div class=\"pt-cv-taxoterm above_title\"><a href='https:\/\/www.dmsjuridica.com\/buscador_20179478954\/corteconstitucionalcronologico202454587\/category\/buscar-en-toda-la-corte\/2012\/tutelas-2012\/' title='Tutelas 2012' class='pt-cv-tax-tutelas-2012'>Tutelas 2012<\/a><\/div>\n<h4 class=\"pt-cv-title\"><a href=\"https:\/\/www.dmsjuridica.com\/buscador_20179478954\/corteconstitucionalcronologico202454587\/t-186-12\/\" class=\"_self\" target=\"_self\" >T-186-12<\/a><\/h4>\n<div class=\"pt-cv-content\">\u00a0 \u00a0 Sentencia T-186\/12 \u00a0 DERECHO A LA SEGURIDAD SOCIAL COMO DERECHO FUNDAMENTAL IRRENUNCIABLE-Reiteraci\u00f3n de jurisprudencia \u00a0 REGLAS JURISPRUDENCIALES SOBRE LA PROCEDENCIA EXCEPCIONAL DEL RECONOCIMIENTO Y\/O RELIQUIDACION DE LA PENSION POR TUTELA-Reiteraci\u00f3n de jurisprudencia \u00a0 ACCION DE TUTELA PARA RELIQUIDACION DE PENSION DE VEJEZ-Improcedencia por cuanto no se demostr\u00f3 afectaci\u00f3n del m\u00ednimo vital y no se agot\u00f3 la v\u00eda ordinaria \u00a0 Referencia: expediente T-3256556 \u00a0 Acci\u00f3n de tutela instaurada por Hern\u00e1n Mart\u00ednez Quintero en contra de CAJANAL en liquidaci\u00f3n.\u00a0 \u00a0 Magistrado Ponente: \u00a0 HUMBERTO ANTONIO SIERRA PORTO \u00a0 Bogot\u00e1 D.C., nueve (9) de marzo de dos mil doce (2012) \u00a0 ...<br \/><div class=\"pt-cv-rmwrap\"><a href=\"https:\/\/www.dmsjuridica.com\/buscador_20179478954\/corteconstitucionalcronologico202454587\/t-186-12\/\" class=\"_self pt-cv-readmore btn btn-success\" target=\"_self\">Ver Sentencia Completa...<\/a><\/div><\/div><\/div><\/div>\n<div class=\"col-md-12 col-sm-12 col-xs-12 pt-cv-content-item pt-cv-1-col\" ><div class='pt-cv-ifield'><a href=\"https:\/\/www.dmsjuridica.com\/buscador_20179478954\/corteconstitucionalcronologico202454587\/t-185-12\/\" class=\"_self pt-cv-href-thumbnail pt-cv-thumb-default\" target=\"_self\" ><\/a>\n<div class=\"pt-cv-taxoterm above_title\"><a href='https:\/\/www.dmsjuridica.com\/buscador_20179478954\/corteconstitucionalcronologico202454587\/category\/buscar-en-toda-la-corte\/2012\/tutelas-2012\/' title='Tutelas 2012' class='pt-cv-tax-tutelas-2012'>Tutelas 2012<\/a><\/div>\n<h4 class=\"pt-cv-title\"><a href=\"https:\/\/www.dmsjuridica.com\/buscador_20179478954\/corteconstitucionalcronologico202454587\/t-185-12\/\" class=\"_self\" target=\"_self\" >T-185-12<\/a><\/h4>\n<div class=\"pt-cv-content\">\u00a0 \u00a0 \u00a0 \u00a0Sentencia T-185\/12 \u00a0 DERECHO A LA VIVIENDA DIGNA EN CASOS DE SUBSIDIO FAMILIAR-Protecci\u00f3n constitucional \u00a0 DERECHO A LA VIVIENDA DIGNA EN CASOS DE SUBSIDIO FAMILIAR-Vulneraci\u00f3n del Banco Agrario al no autorizar desembolso de cr\u00e9dito que hab\u00eda sido aprobado previamente porque estaba reportada en la CIFIN a pesar de haber presentado paz y salvo de la obligaci\u00f3n por la cual fue reportada\u00a0 \u00a0 El Banco no pod\u00eda en este caso, con arreglo a los argumentos que expuso durante el proceso, detener el tr\u00e1mite de entrega efectiva de los dineros correspondientes al cr\u00e9dito hipotecario. Por consiguiente, a juicio de ...<br \/><div class=\"pt-cv-rmwrap\"><a href=\"https:\/\/www.dmsjuridica.com\/buscador_20179478954\/corteconstitucionalcronologico202454587\/t-185-12\/\" class=\"_self pt-cv-readmore btn btn-success\" target=\"_self\">Ver Sentencia Completa...<\/a><\/div><\/div><\/div><\/div>\n<div class=\"col-md-12 col-sm-12 col-xs-12 pt-cv-content-item pt-cv-1-col\" ><div class='pt-cv-ifield'><a href=\"https:\/\/www.dmsjuridica.com\/buscador_20179478954\/corteconstitucionalcronologico202454587\/t-184-12\/\" class=\"_self pt-cv-href-thumbnail pt-cv-thumb-default\" target=\"_self\" ><\/a>\n<div class=\"pt-cv-taxoterm above_title\"><a href='https:\/\/www.dmsjuridica.com\/buscador_20179478954\/corteconstitucionalcronologico202454587\/category\/buscar-en-toda-la-corte\/2012\/tutelas-2012\/' title='Tutelas 2012' class='pt-cv-tax-tutelas-2012'>Tutelas 2012<\/a><\/div>\n<h4 class=\"pt-cv-title\"><a href=\"https:\/\/www.dmsjuridica.com\/buscador_20179478954\/corteconstitucionalcronologico202454587\/t-184-12\/\" class=\"_self\" target=\"_self\" >T-184-12<\/a><\/h4>\n<div class=\"pt-cv-content\">\u00a0 \u00a0 Sentencia T-184\/12 \u00a0 ACCION DE TUTELA CONTRA PARTICULARES CUANDO EXISTE UNA RELACION DE INDEFENSION O SUBORDINACION-Jurisprudencia constitucional sobre procedencia excepcional cuando se trata de mujer embarazada \u00a0 En el asunto que se analiza no s\u00f3lo es posible hablar de un estado de subordinaci\u00f3n generado en raz\u00f3n de la relaci\u00f3n laboral existente, \u00a0 sino que se puede hablar tambi\u00e9n de un estado de indefensi\u00f3n, ya que como lo ha precisado la jurisprudencia de esta Corporaci\u00f3n, el hecho de que una mujer se encuentre en estado de gravidez, no s\u00f3lo genera la necesidad inmediata de contar con un salario que ...<br \/><div class=\"pt-cv-rmwrap\"><a href=\"https:\/\/www.dmsjuridica.com\/buscador_20179478954\/corteconstitucionalcronologico202454587\/t-184-12\/\" class=\"_self pt-cv-readmore btn btn-success\" target=\"_self\">Ver Sentencia Completa...<\/a><\/div><\/div><\/div><\/div>\n<div class=\"col-md-12 col-sm-12 col-xs-12 pt-cv-content-item pt-cv-1-col\" ><div class='pt-cv-ifield'><a href=\"https:\/\/www.dmsjuridica.com\/buscador_20179478954\/corteconstitucionalcronologico202454587\/t-183-12\/\" class=\"_self pt-cv-href-thumbnail pt-cv-thumb-default\" target=\"_self\" ><\/a>\n<div class=\"pt-cv-taxoterm above_title\"><a href='https:\/\/www.dmsjuridica.com\/buscador_20179478954\/corteconstitucionalcronologico202454587\/category\/buscar-en-toda-la-corte\/2012\/tutelas-2012\/' title='Tutelas 2012' class='pt-cv-tax-tutelas-2012'>Tutelas 2012<\/a><\/div>\n<h4 class=\"pt-cv-title\"><a href=\"https:\/\/www.dmsjuridica.com\/buscador_20179478954\/corteconstitucionalcronologico202454587\/t-183-12\/\" class=\"_self\" target=\"_self\" >T-183-12<\/a><\/h4>\n<div class=\"pt-cv-content\">\u00a0 \u00a0 Sentencia T-183\/12 \u00a0 DERECHO DE ACCESO A LA ADMINISTRACION DE JUSTICIA-Consejo Seccional de la Judicatura es competente para conocer y tramitar acci\u00f3n de tutela contra la Corte Suprema de Justicia, seg\u00fan auto 004 de 2004 y 100 de 2008 \u00a0 Los Autos 004 de 2004 y 100 de 2008, de la Sala Plena de la Corte Constitucional, disponen que cuando la Corte Suprema de Justicia no admita el tr\u00e1mite de una acci\u00f3n de tutela contra sus providencias, el demandante est\u00e1 facultado para: (i) presentar el amparo ante cualquier juez \u2013unipersonal o colegiado- o incluso ante una Corporaci\u00f3n de ...<br \/><div class=\"pt-cv-rmwrap\"><a href=\"https:\/\/www.dmsjuridica.com\/buscador_20179478954\/corteconstitucionalcronologico202454587\/t-183-12\/\" class=\"_self pt-cv-readmore btn btn-success\" target=\"_self\">Ver Sentencia Completa...<\/a><\/div><\/div><\/div><\/div>\n<div class=\"col-md-12 col-sm-12 col-xs-12 pt-cv-content-item pt-cv-1-col\" ><div class='pt-cv-ifield'><a href=\"https:\/\/www.dmsjuridica.com\/buscador_20179478954\/corteconstitucionalcronologico202454587\/t-182-12\/\" class=\"_self pt-cv-href-thumbnail pt-cv-thumb-default\" target=\"_self\" ><\/a>\n<div class=\"pt-cv-taxoterm above_title\"><a href='https:\/\/www.dmsjuridica.com\/buscador_20179478954\/corteconstitucionalcronologico202454587\/category\/buscar-en-toda-la-corte\/2012\/tutelas-2012\/' title='Tutelas 2012' class='pt-cv-tax-tutelas-2012'>Tutelas 2012<\/a><\/div>\n<h4 class=\"pt-cv-title\"><a href=\"https:\/\/www.dmsjuridica.com\/buscador_20179478954\/corteconstitucionalcronologico202454587\/t-182-12\/\" class=\"_self\" target=\"_self\" >T-182-12<\/a><\/h4>\n<div class=\"pt-cv-content\">\u00a0 \u00a0 Sentencia T-182\/12 \u00a0 LEGITIMACION POR ACTIVA-Agencia oficiosa en materia de poblaci\u00f3n desplazada\/ASOCIACIONES DE APOYO A POBLACION DESPLAZADA-Legitimaci\u00f3n y condiciones como agentes oficiosos para presentar acciones de tutela \u00a0 Esta Sala concluye que no asiste la raz\u00f3n al juez constitucional de \u00fanica instancia en el presente caso, al declarar improcedente la acci\u00f3n de tutela por ausencia del requisito de legitimidad en la causa por activa. En efecto, el juez consider\u00f3 que no se cumpl\u00eda tal requisito con la interposici\u00f3n de la acci\u00f3n constitucional por la representante legal de Andicol, como agente oficiosa de los miembros de la asociaci\u00f3n. Con ...<br \/><div class=\"pt-cv-rmwrap\"><a href=\"https:\/\/www.dmsjuridica.com\/buscador_20179478954\/corteconstitucionalcronologico202454587\/t-182-12\/\" class=\"_self pt-cv-readmore btn btn-success\" target=\"_self\">Ver Sentencia Completa...<\/a><\/div><\/div><\/div><\/div>\n<div class=\"col-md-12 col-sm-12 col-xs-12 pt-cv-content-item pt-cv-1-col\" ><div class='pt-cv-ifield'><a href=\"https:\/\/www.dmsjuridica.com\/buscador_20179478954\/corteconstitucionalcronologico202454587\/t-181-12\/\" class=\"_self pt-cv-href-thumbnail pt-cv-thumb-default\" target=\"_self\" ><\/a>\n<div class=\"pt-cv-taxoterm above_title\"><a href='https:\/\/www.dmsjuridica.com\/buscador_20179478954\/corteconstitucionalcronologico202454587\/category\/buscar-en-toda-la-corte\/2012\/tutelas-2012\/' title='Tutelas 2012' class='pt-cv-tax-tutelas-2012'>Tutelas 2012<\/a><\/div>\n<h4 class=\"pt-cv-title\"><a href=\"https:\/\/www.dmsjuridica.com\/buscador_20179478954\/corteconstitucionalcronologico202454587\/t-181-12\/\" class=\"_self\" target=\"_self\" >T-181-12<\/a><\/h4>\n<div class=\"pt-cv-content\">\u00a0 \u00a0 Sentencia T-181\/12 \u00a0 TEMERIDAD-Requisitos constitucionales para determinar su configuraci\u00f3n \u00a0 Para establecer si una tutela es improcedente por razones de temeridad o cosa juzgada, el juez debe determinar si, existiendo dos acciones de tutela similares, estas presentan (i) identidad de partes, (ii) identidad de hechos, (iii) identidad de pretensi\u00f3n, (iv) ausencia de hechos o razones jur\u00eddicas que justifiquen la interposici\u00f3n de la nueva tutela o modifiquen sustancialmente el problema jur\u00eddico abordado previamente por la jurisdicci\u00f3n constitucional.\u00a0 \u00a0 ACCION DE TUTELA TEMERARIA-Inexistencia para el caso por cuanto se present\u00f3 anterior tutela a trav\u00e9s de otra persona quien no estaba ...<br \/><div class=\"pt-cv-rmwrap\"><a href=\"https:\/\/www.dmsjuridica.com\/buscador_20179478954\/corteconstitucionalcronologico202454587\/t-181-12\/\" class=\"_self pt-cv-readmore btn btn-success\" target=\"_self\">Ver Sentencia Completa...<\/a><\/div><\/div><\/div><\/div>\n<div class=\"col-md-12 col-sm-12 col-xs-12 pt-cv-content-item pt-cv-1-col\" ><div class='pt-cv-ifield'><a href=\"https:\/\/www.dmsjuridica.com\/buscador_20179478954\/corteconstitucionalcronologico202454587\/t-180-12\/\" class=\"_self pt-cv-href-thumbnail pt-cv-thumb-default\" target=\"_self\" ><\/a>\n<div class=\"pt-cv-taxoterm above_title\"><a href='https:\/\/www.dmsjuridica.com\/buscador_20179478954\/corteconstitucionalcronologico202454587\/category\/buscar-en-toda-la-corte\/2012\/tutelas-2012\/' title='Tutelas 2012' class='pt-cv-tax-tutelas-2012'>Tutelas 2012<\/a><\/div>\n<h4 class=\"pt-cv-title\"><a href=\"https:\/\/www.dmsjuridica.com\/buscador_20179478954\/corteconstitucionalcronologico202454587\/t-180-12\/\" class=\"_self\" target=\"_self\" >T-180-12<\/a><\/h4>\n<div class=\"pt-cv-content\">\u00a0 \u00a0 NOTA DE RELATORIA: La presente sentencia fue objeto de aclaraci\u00f3n mediante Auto 167 de fecha \u00a017 de julio de 2012, el cual se anexa en la parte final de esta decisi\u00f3n. \u00a0 Sentencia T-180\/12 \u00a0 ACCION DE TUTELA TEMERARIA-Caso en que no se presenta por existir un hecho nuevo\u00a0 \u00a0 La Sala Primera de Revisi\u00f3n estima que en este caso (i) existe un indicio sobre la existencia de un hecho nuevo, no resuelto de manera definitiva en el primer proceso y que justificar\u00eda la interposici\u00f3n de una nueva acci\u00f3n de tutela, como ser\u00eda la circunstancia de lo que ...<br \/><div class=\"pt-cv-rmwrap\"><a href=\"https:\/\/www.dmsjuridica.com\/buscador_20179478954\/corteconstitucionalcronologico202454587\/t-180-12\/\" class=\"_self pt-cv-readmore btn btn-success\" target=\"_self\">Ver Sentencia Completa...<\/a><\/div><\/div><\/div><\/div>\n<div class=\"col-md-12 col-sm-12 col-xs-12 pt-cv-content-item pt-cv-1-col\" ><div class='pt-cv-ifield'><a href=\"https:\/\/www.dmsjuridica.com\/buscador_20179478954\/corteconstitucionalcronologico202454587\/t-179-12\/\" class=\"_self pt-cv-href-thumbnail pt-cv-thumb-default\" target=\"_self\" ><\/a>\n<div class=\"pt-cv-taxoterm above_title\"><a href='https:\/\/www.dmsjuridica.com\/buscador_20179478954\/corteconstitucionalcronologico202454587\/category\/buscar-en-toda-la-corte\/2012\/tutelas-2012\/' title='Tutelas 2012' class='pt-cv-tax-tutelas-2012'>Tutelas 2012<\/a><\/div>\n<h4 class=\"pt-cv-title\"><a href=\"https:\/\/www.dmsjuridica.com\/buscador_20179478954\/corteconstitucionalcronologico202454587\/t-179-12\/\" class=\"_self\" target=\"_self\" >T-179-12<\/a><\/h4>\n<div class=\"pt-cv-content\">\u00a0 \u00a0 Sentencia T-179\/12 \u00a0 LEY ESTATUTARIA DE ADMINISTRACION DE JUSTICIA-Facultad de la Corte Constitucional para determinar los efectos de sus fallos e interpretar con autoridad el sentido de sus decisiones\u00a0 \u00a0 ACCION DE TUTELA CONTRA PROVIDENCIAS JUDICIALES-Procedencia excepcional para la protecci\u00f3n de derechos fundamentales \u00a0 ACCION DE TUTELA CONTRA PROVIDENCIAS JUDICIALES-Reiteraci\u00f3n de jurisprudencia sobre requisitos generales y especiales de procedibilidad \u00a0 ACCION DE TUTELA CONTRA PROVIDENCIAS JUDICIALES-Clases de defectos \u00a0 ACCION DE TUTELA CONTRA PROVIDENCIAS JUDICIALES-Improcedencia cuando no se ha agotado recurso extraordinario de casaci\u00f3n en proceso ordinario laboral \u00a0 La Sala reitera que el actor contaba con el ...<br \/><div class=\"pt-cv-rmwrap\"><a href=\"https:\/\/www.dmsjuridica.com\/buscador_20179478954\/corteconstitucionalcronologico202454587\/t-179-12\/\" class=\"_self pt-cv-readmore btn btn-success\" target=\"_self\">Ver Sentencia Completa...<\/a><\/div><\/div><\/div><\/div>\n<div class=\"col-md-12 col-sm-12 col-xs-12 pt-cv-content-item pt-cv-1-col\" ><div class='pt-cv-ifield'><a href=\"https:\/\/www.dmsjuridica.com\/buscador_20179478954\/corteconstitucionalcronologico202454587\/t-178-12\/\" class=\"_self pt-cv-href-thumbnail pt-cv-thumb-default\" target=\"_self\" ><\/a>\n<div class=\"pt-cv-taxoterm above_title\"><a href='https:\/\/www.dmsjuridica.com\/buscador_20179478954\/corteconstitucionalcronologico202454587\/category\/buscar-en-toda-la-corte\/2012\/tutelas-2012\/' title='Tutelas 2012' class='pt-cv-tax-tutelas-2012'>Tutelas 2012<\/a><\/div>\n<h4 class=\"pt-cv-title\"><a href=\"https:\/\/www.dmsjuridica.com\/buscador_20179478954\/corteconstitucionalcronologico202454587\/t-178-12\/\" class=\"_self\" target=\"_self\" >T-178-12<\/a><\/h4>\n<div class=\"pt-cv-content\">\u00a0 \u00a0 Sentencia T-178\/12 \u00a0 LEY ESTATUTARIA DE ADMINISTRACION DE JUSTICIA-Facultad de la Corte Constitucional para determinar los efectos de sus fallos e interpretar con autoridad el sentido de sus decisiones\u00a0 \u00a0 La Sala es consciente de que una sentencia, como cualquier texto jur\u00eddico, est\u00e1 sujeta a diversas interpretaciones, algunas de ellas posiblemente incompatibles entre s\u00ed y que esto puede estar ocurriendo, efectivamente, con el sentido de la decisi\u00f3n adoptada por la Corte Constitucional en la Sentencia C-543 de 1992. Sin embargo, es necesario resaltar que en un caso de discrepancias interpretativas a prop\u00f3sito de las sentencias de la Corte ...<br \/><div class=\"pt-cv-rmwrap\"><a href=\"https:\/\/www.dmsjuridica.com\/buscador_20179478954\/corteconstitucionalcronologico202454587\/t-178-12\/\" class=\"_self pt-cv-readmore btn btn-success\" target=\"_self\">Ver Sentencia Completa...<\/a><\/div><\/div><\/div><\/div>\n<div class=\"col-md-12 col-sm-12 col-xs-12 pt-cv-content-item pt-cv-1-col\" ><div class='pt-cv-ifield'><a href=\"https:\/\/www.dmsjuridica.com\/buscador_20179478954\/corteconstitucionalcronologico202454587\/t-177-12\/\" class=\"_self pt-cv-href-thumbnail pt-cv-thumb-default\" target=\"_self\" ><\/a>\n<div class=\"pt-cv-taxoterm above_title\"><a href='https:\/\/www.dmsjuridica.com\/buscador_20179478954\/corteconstitucionalcronologico202454587\/category\/buscar-en-toda-la-corte\/2012\/tutelas-2012\/' title='Tutelas 2012' class='pt-cv-tax-tutelas-2012'>Tutelas 2012<\/a><\/div>\n<h4 class=\"pt-cv-title\"><a href=\"https:\/\/www.dmsjuridica.com\/buscador_20179478954\/corteconstitucionalcronologico202454587\/t-177-12\/\" class=\"_self\" target=\"_self\" >T-177-12<\/a><\/h4>\n<div class=\"pt-cv-content\">\u00a0 \u00a0 Sentencia T-177\/12 \u00a0 SUPLANTACION DE IDENTIDAD-Error inducido por omisiones de la Fiscal\u00eda o la polic\u00eda judicial en la indebida identificaci\u00f3n del procesado \u00a0 ACCION DE TUTELA CONTRA PROVIDENCIAS JUDICIALES-Procedencia excepcional en los casos de suplantaci\u00f3n de personas \u00a0 ERROR JUDICIAL INDUCIDO-Sentencia condenatoria se libr\u00f3 a nombre de quien no tuvo nada que ver con el delito y cuyo nombre se vio involucrado a causa de una suplantaci\u00f3n de identidad\/ERROR JUDICIAL INDUCIDO-En caso de suplantaci\u00f3n de identidad, el error judicial se atribuye a la Fiscal\u00eda y a la \u00a0Polic\u00eda Judicial porque tienen la funci\u00f3n de identificar plenamente al procesado\u00a0 ...<br \/><div class=\"pt-cv-rmwrap\"><a href=\"https:\/\/www.dmsjuridica.com\/buscador_20179478954\/corteconstitucionalcronologico202454587\/t-177-12\/\" class=\"_self pt-cv-readmore btn btn-success\" target=\"_self\">Ver Sentencia Completa...<\/a><\/div><\/div><\/div><\/div>\n<div class=\"col-md-12 col-sm-12 col-xs-12 pt-cv-content-item pt-cv-1-col\" ><div class='pt-cv-ifield'><a href=\"https:\/\/www.dmsjuridica.com\/buscador_20179478954\/corteconstitucionalcronologico202454587\/t-176-12\/\" class=\"_self pt-cv-href-thumbnail pt-cv-thumb-default\" target=\"_self\" ><\/a>\n<div class=\"pt-cv-taxoterm above_title\"><a href='https:\/\/www.dmsjuridica.com\/buscador_20179478954\/corteconstitucionalcronologico202454587\/category\/buscar-en-toda-la-corte\/2012\/tutelas-2012\/' title='Tutelas 2012' class='pt-cv-tax-tutelas-2012'>Tutelas 2012<\/a><\/div>\n<h4 class=\"pt-cv-title\"><a href=\"https:\/\/www.dmsjuridica.com\/buscador_20179478954\/corteconstitucionalcronologico202454587\/t-176-12\/\" class=\"_self\" target=\"_self\" >T-176-12<\/a><\/h4>\n<div class=\"pt-cv-content\">\u00a0 \u00a0 Sentencia T-176\/12 \u00a0 ACCION DE TUTELA CONTRA PROVIDENCIAS JUDICIALES-Improcedencia por no haber agotado recursos ordinarios en proceso ejecutivo hipotecario \u00a0 ACCION DE TUTELA CONTRA PROVIDENCIAS JUDICIALES-Improcedencia por desconocimiento del principio de inmediatez en proceso ejecutivo hipotecario \u00a0 Referencia: expediente T-2916031 \u00a0 Acci\u00f3n de tutela interpuesta por Julio Acosta Usc\u00e1tegui contra el Juzgado Quince (15) Civil del Circuito de Bogot\u00e1 y el Tribunal Superior del Distrito Judicial de Bogot\u00e1, Sala Civil. \u00a0 Magistrada Ponente:\u00a0 \u00a0 MAR\u00cdA VICTORIA CALLE CORREA \u00a0 Bogot\u00e1, D.C., ocho (8) de marzo de dos mil doce (2012) \u00a0 La Sala Primera de Revisi\u00f3n de la ...<br \/><div class=\"pt-cv-rmwrap\"><a href=\"https:\/\/www.dmsjuridica.com\/buscador_20179478954\/corteconstitucionalcronologico202454587\/t-176-12\/\" class=\"_self pt-cv-readmore btn btn-success\" target=\"_self\">Ver Sentencia Completa...<\/a><\/div><\/div><\/div><\/div>\n<div class=\"col-md-12 col-sm-12 col-xs-12 pt-cv-content-item pt-cv-1-col\" ><div class='pt-cv-ifield'><a href=\"https:\/\/www.dmsjuridica.com\/buscador_20179478954\/corteconstitucionalcronologico202454587\/t-175-12\/\" class=\"_self pt-cv-href-thumbnail pt-cv-thumb-default\" target=\"_self\" ><\/a>\n<div class=\"pt-cv-taxoterm above_title\"><a href='https:\/\/www.dmsjuridica.com\/buscador_20179478954\/corteconstitucionalcronologico202454587\/category\/buscar-en-toda-la-corte\/2012\/tutelas-2012\/' title='Tutelas 2012' class='pt-cv-tax-tutelas-2012'>Tutelas 2012<\/a><\/div>\n<h4 class=\"pt-cv-title\"><a href=\"https:\/\/www.dmsjuridica.com\/buscador_20179478954\/corteconstitucionalcronologico202454587\/t-175-12\/\" class=\"_self\" target=\"_self\" >T-175-12<\/a><\/h4>\n<div class=\"pt-cv-content\">\u00a0 \u00a0 Sentencia T-175\/12 \u00a0 RELACIONES DE ESPECIAL SUJECION ENTRE LOS INTERNOS Y EL ESTADO-Respeto por la dignidad humana de personas privadas de la libertad \u00a0 DERECHOS HUMANOS DE PERSONAS PRIVADAS DE LA LIBERTAD-Reglas constitucionales, jurisprudenciales e internacionales aplicables\/DERECHOS DEL INTERNO-Reglas m\u00ednimas para el tratamiento de los reclusos \u00a0 El valor constitucional de los derechos fundamentales de las personas privadas de la libertad por el Estado es un aspecto que el juez de tutela debe tener en cuenta desde el momento mismo la recepci\u00f3n del caso, pues la especial protecci\u00f3n de su dignidad y del goce efectivo de sus derechos ...<br \/><div class=\"pt-cv-rmwrap\"><a href=\"https:\/\/www.dmsjuridica.com\/buscador_20179478954\/corteconstitucionalcronologico202454587\/t-175-12\/\" class=\"_self pt-cv-readmore btn btn-success\" target=\"_self\">Ver Sentencia Completa...<\/a><\/div><\/div><\/div><\/div>\n<div class=\"col-md-12 col-sm-12 col-xs-12 pt-cv-content-item pt-cv-1-col\" ><div class='pt-cv-ifield'><a href=\"https:\/\/www.dmsjuridica.com\/buscador_20179478954\/corteconstitucionalcronologico202454587\/t-174-12\/\" class=\"_self pt-cv-href-thumbnail pt-cv-thumb-default\" target=\"_self\" ><\/a>\n<div class=\"pt-cv-taxoterm above_title\"><a href='https:\/\/www.dmsjuridica.com\/buscador_20179478954\/corteconstitucionalcronologico202454587\/category\/buscar-en-toda-la-corte\/2012\/tutelas-2012\/' title='Tutelas 2012' class='pt-cv-tax-tutelas-2012'>Tutelas 2012<\/a><\/div>\n<h4 class=\"pt-cv-title\"><a href=\"https:\/\/www.dmsjuridica.com\/buscador_20179478954\/corteconstitucionalcronologico202454587\/t-174-12\/\" class=\"_self\" target=\"_self\" >T-174-12<\/a><\/h4>\n<div class=\"pt-cv-content\">\u00a0 \u00a0 Sentencia T-174\/12 \u00a0 EDAD DE RETIRO FORZOSO COMO CAUSAL DE DESVINCULACION DE DOCENTES AL SERVICIO DEL ESTADO \u00a0 EDAD DE RETIRO FORZOSO COMO CAUSAL DE DESVINCULACION DEL CARGO DE SERVIDORES PUBLICOS-Deber\u00e1 hacerse hasta tanto se le garantice el pago efectivo de su mesada pensional \u00a0 EDAD DE RETIRO FORZOSO Y MINIMO VITAL-Vulneraci\u00f3n por parte de la entidad demandada al no considerar la especial condici\u00f3n de la peticionaria al momento de ordenar el retiro forzoso \u00a0 La causal de desvinculaci\u00f3n de un servidor p\u00fablico por haber cumplido la edad de retiro forzoso es constitucional, pero al momento de su ...<br \/><div class=\"pt-cv-rmwrap\"><a href=\"https:\/\/www.dmsjuridica.com\/buscador_20179478954\/corteconstitucionalcronologico202454587\/t-174-12\/\" class=\"_self pt-cv-readmore btn btn-success\" target=\"_self\">Ver Sentencia Completa...<\/a><\/div><\/div><\/div><\/div>\n<div class=\"col-md-12 col-sm-12 col-xs-12 pt-cv-content-item pt-cv-1-col\" ><div class='pt-cv-ifield'><a href=\"https:\/\/www.dmsjuridica.com\/buscador_20179478954\/corteconstitucionalcronologico202454587\/t-173-12\/\" class=\"_self pt-cv-href-thumbnail pt-cv-thumb-default\" target=\"_self\" ><\/a>\n<div class=\"pt-cv-taxoterm above_title\"><a href='https:\/\/www.dmsjuridica.com\/buscador_20179478954\/corteconstitucionalcronologico202454587\/category\/buscar-en-toda-la-corte\/2012\/tutelas-2012\/' title='Tutelas 2012' class='pt-cv-tax-tutelas-2012'>Tutelas 2012<\/a><\/div>\n<h4 class=\"pt-cv-title\"><a href=\"https:\/\/www.dmsjuridica.com\/buscador_20179478954\/corteconstitucionalcronologico202454587\/t-173-12\/\" class=\"_self\" target=\"_self\" >T-173-12<\/a><\/h4>\n<div class=\"pt-cv-content\">\u00a0 \u00a0 Sentencia T-173\/12 \u00a0 TRANSPORTE EN EL SISTEMA DE SALUD Y SU NEXO CON EL PRINCIPIO DE SOLIDARIDAD \u00a0 De conformidad con el principio de solidaridad contenido en el art\u00edculo 48 de la Constituci\u00f3n, y desarrollado en el art\u00edculo 2 de la Ley 100 de 1993, cuando un usuario del Sistema de Seguridad Social en Salud es remitido a un municipio diferente al de residencia con el fin de que le sean suministrados servicios de salud que requiere, si su EPS no puede suministr\u00e1rselos en el lugar de residencia, porque, por ejemplo, la red de servicios contratada no cuenta ...<br \/><div class=\"pt-cv-rmwrap\"><a href=\"https:\/\/www.dmsjuridica.com\/buscador_20179478954\/corteconstitucionalcronologico202454587\/t-173-12\/\" class=\"_self pt-cv-readmore btn btn-success\" target=\"_self\">Ver Sentencia Completa...<\/a><\/div><\/div><\/div><\/div>\n<div class=\"col-md-12 col-sm-12 col-xs-12 pt-cv-content-item pt-cv-1-col\" ><div class='pt-cv-ifield'><a href=\"https:\/\/www.dmsjuridica.com\/buscador_20179478954\/corteconstitucionalcronologico202454587\/t-172-12\/\" class=\"_self pt-cv-href-thumbnail pt-cv-thumb-default\" target=\"_self\" ><\/a>\n<div class=\"pt-cv-taxoterm above_title\"><a href='https:\/\/www.dmsjuridica.com\/buscador_20179478954\/corteconstitucionalcronologico202454587\/category\/buscar-en-toda-la-corte\/2012\/tutelas-2012\/' title='Tutelas 2012' class='pt-cv-tax-tutelas-2012'>Tutelas 2012<\/a><\/div>\n<h4 class=\"pt-cv-title\"><a href=\"https:\/\/www.dmsjuridica.com\/buscador_20179478954\/corteconstitucionalcronologico202454587\/t-172-12\/\" class=\"_self\" target=\"_self\" >T-172-12<\/a><\/h4>\n<div class=\"pt-cv-content\">\u00a0 \u00a0 Sentencia T-172\/12 \u00a0 ACCION DE TUTELA CONTRA PROVIDENCIAS JUDICIALES-Procedencia excepcional para la protecci\u00f3n de derechos fundamentales \u00a0 La jurisprudencia de la Corte Constitucional ha sido coherente al sostener que algunos actos judiciales, en determinadas condiciones, pueden ser cuestionados por v\u00eda de acci\u00f3n de tutela si violan derechos fundamentales. En cambio, debe anotarse que la magnitud del defecto judicial, que amerita una intervenci\u00f3n del juez de tutela para proteger derechos fundamentales violados por autoridades judiciales, no ha sido valorada durante todo el tiempo con rigidez monol\u00edtica. \u00a0 ACCION DE TUTELA CONTRA PROVIDENCIAS JUDICIALES-Reiteraci\u00f3n de jurisprudencia sobre requisitos generales y ...<br \/><div class=\"pt-cv-rmwrap\"><a href=\"https:\/\/www.dmsjuridica.com\/buscador_20179478954\/corteconstitucionalcronologico202454587\/t-172-12\/\" class=\"_self pt-cv-readmore btn btn-success\" target=\"_self\">Ver Sentencia Completa...<\/a><\/div><\/div><\/div><\/div>\n<div class=\"col-md-12 col-sm-12 col-xs-12 pt-cv-content-item pt-cv-1-col\" ><div class='pt-cv-ifield'><a href=\"https:\/\/www.dmsjuridica.com\/buscador_20179478954\/corteconstitucionalcronologico202454587\/t-167-12\/\" class=\"_self pt-cv-href-thumbnail pt-cv-thumb-default\" target=\"_self\" ><\/a>\n<div class=\"pt-cv-taxoterm above_title\"><a href='https:\/\/www.dmsjuridica.com\/buscador_20179478954\/corteconstitucionalcronologico202454587\/category\/buscar-en-toda-la-corte\/2012\/tutelas-2012\/' title='Tutelas 2012' class='pt-cv-tax-tutelas-2012'>Tutelas 2012<\/a><\/div>\n<h4 class=\"pt-cv-title\"><a href=\"https:\/\/www.dmsjuridica.com\/buscador_20179478954\/corteconstitucionalcronologico202454587\/t-167-12\/\" class=\"_self\" target=\"_self\" >T-167-12<\/a><\/h4>\n<div class=\"pt-cv-content\">\u00a0 \u00a0 Sentencia T-167\/12 \u00a0 DESISTIMIENTO DE LA ACCION DE TUTELA EN SEDE DE REVISION-Improcedencia \u00a0 ACCION DE TUTELA-Improcedencia general para reconocimiento de derechos pensionales \u00a0 En principio, el mecanismo de amparo no es el medio adecuado para ordenar el reconocimiento de derechos pensionales, sin embargo, cuando el instrumento consagrado en la legislaci\u00f3n laboral o contencioso administrativa no sea lo suficientemente expedito para la protecci\u00f3n inmediata del derecho involucrado, y se demuestre la inminente ocurrencia de un perjuicio irremediable que exige la adopci\u00f3n de medidas inmediatas, el amparo constitucional s\u00ed es procedente, de manera excepcional.\u00a0 \u00a0 ACCION DE TUTELA CONTRA ...<br \/><div class=\"pt-cv-rmwrap\"><a href=\"https:\/\/www.dmsjuridica.com\/buscador_20179478954\/corteconstitucionalcronologico202454587\/t-167-12\/\" class=\"_self pt-cv-readmore btn btn-success\" target=\"_self\">Ver Sentencia Completa...<\/a><\/div><\/div><\/div><\/div>\n<div class=\"col-md-12 col-sm-12 col-xs-12 pt-cv-content-item pt-cv-1-col\" ><div class='pt-cv-ifield'><a href=\"https:\/\/www.dmsjuridica.com\/buscador_20179478954\/corteconstitucionalcronologico202454587\/t-166-12\/\" class=\"_self pt-cv-href-thumbnail pt-cv-thumb-default\" target=\"_self\" ><\/a>\n<div class=\"pt-cv-taxoterm above_title\"><a href='https:\/\/www.dmsjuridica.com\/buscador_20179478954\/corteconstitucionalcronologico202454587\/category\/buscar-en-toda-la-corte\/2012\/tutelas-2012\/' title='Tutelas 2012' class='pt-cv-tax-tutelas-2012'>Tutelas 2012<\/a><\/div>\n<h4 class=\"pt-cv-title\"><a href=\"https:\/\/www.dmsjuridica.com\/buscador_20179478954\/corteconstitucionalcronologico202454587\/t-166-12\/\" class=\"_self\" target=\"_self\" >T-166-12<\/a><\/h4>\n<div class=\"pt-cv-content\">\u00a0 \u00a0 Sentencia T-166\/12 \u00a0 DERECHO AL DEBIDO PROCESO EN PROCESO SANCIONATORIO AMBIENTAL \u00a0 IMPROCEDENCIA GENERAL DE LA ACCION DE TUTELA CONTRA ACTOS ADMINISTRATIVOS DE TRAMITE O PREPARATORIOS-Reiteraci\u00f3n de jurisprudencia \u00a0 La Corte ha se\u00f1alado que la acci\u00f3n constitucional contra actos de tr\u00e1mite s\u00f3lo procede con car\u00e1cter excepcional cuando el Estado ha actuado exceptuando todo referente legal y ha incurrido en una v\u00eda de hecho que impide al afectado contar con las garant\u00edas m\u00ednimas del debido proceso administrativo. As\u00ed, \u201cla procedencia excepcional de la acci\u00f3n de tutela contra actos \u00a0administrativos de tr\u00e1mite\u201d solo es posible cuando el respectivo acto defina ...<br \/><div class=\"pt-cv-rmwrap\"><a href=\"https:\/\/www.dmsjuridica.com\/buscador_20179478954\/corteconstitucionalcronologico202454587\/t-166-12\/\" class=\"_self pt-cv-readmore btn btn-success\" target=\"_self\">Ver Sentencia Completa...<\/a><\/div><\/div><\/div><\/div>\n<div class=\"col-md-12 col-sm-12 col-xs-12 pt-cv-content-item pt-cv-1-col\" ><div class='pt-cv-ifield'><a href=\"https:\/\/www.dmsjuridica.com\/buscador_20179478954\/corteconstitucionalcronologico202454587\/t-165-12\/\" class=\"_self pt-cv-href-thumbnail pt-cv-thumb-default\" target=\"_self\" ><\/a>\n<div class=\"pt-cv-taxoterm above_title\"><a href='https:\/\/www.dmsjuridica.com\/buscador_20179478954\/corteconstitucionalcronologico202454587\/category\/buscar-en-toda-la-corte\/2012\/tutelas-2012\/' title='Tutelas 2012' class='pt-cv-tax-tutelas-2012'>Tutelas 2012<\/a><\/div>\n<h4 class=\"pt-cv-title\"><a href=\"https:\/\/www.dmsjuridica.com\/buscador_20179478954\/corteconstitucionalcronologico202454587\/t-165-12\/\" class=\"_self\" target=\"_self\" >T-165-12<\/a><\/h4>\n<div class=\"pt-cv-content\">\u00a0 \u00a0 Sentencia T-165\/12 \u00a0 PRINCIPIO DE INMEDIATEZ EN ACCION DE TUTELA-Inaplicaci\u00f3n cuando violaci\u00f3n persiste en el tiempo \u00a0 La Corte Constitucional ha se\u00f1alado que hay casos en los que en la interposici\u00f3n de la tutela no cabe aplicar de manera estricta el criterio de la inmediatez. En particular, ha puntualizado que ello ocurre cuando, (i) se demuestre que la vulneraci\u00f3n es permanente en el tiempo y que, pese a que el hecho que la origin\u00f3 por primera vez es muy antiguo respecto de la presentaci\u00f3n de la tutela, la situaci\u00f3n desfavorable del actor derivada del irrespeto de sus derechos ...<br \/><div class=\"pt-cv-rmwrap\"><a href=\"https:\/\/www.dmsjuridica.com\/buscador_20179478954\/corteconstitucionalcronologico202454587\/t-165-12\/\" class=\"_self pt-cv-readmore btn btn-success\" target=\"_self\">Ver Sentencia Completa...<\/a><\/div><\/div><\/div><\/div>\n<div class=\"col-md-12 col-sm-12 col-xs-12 pt-cv-content-item pt-cv-1-col\" ><div class='pt-cv-ifield'><a href=\"https:\/\/www.dmsjuridica.com\/buscador_20179478954\/corteconstitucionalcronologico202454587\/t-164-12\/\" class=\"_self pt-cv-href-thumbnail pt-cv-thumb-default\" target=\"_self\" ><\/a>\n<div class=\"pt-cv-taxoterm above_title\"><a href='https:\/\/www.dmsjuridica.com\/buscador_20179478954\/corteconstitucionalcronologico202454587\/category\/buscar-en-toda-la-corte\/2012\/tutelas-2012\/' title='Tutelas 2012' class='pt-cv-tax-tutelas-2012'>Tutelas 2012<\/a><\/div>\n<h4 class=\"pt-cv-title\"><a href=\"https:\/\/www.dmsjuridica.com\/buscador_20179478954\/corteconstitucionalcronologico202454587\/t-164-12\/\" class=\"_self\" target=\"_self\" >T-164-12<\/a><\/h4>\n<div class=\"pt-cv-content\">ACCION DE TUTELA FRENTE A CONTROVERSIAS CONTRACTUALES-Procedencia excepcional por afectaci\u00f3n del derecho fundamental a la educaci\u00f3n por terminaci\u00f3n de contrato entre Gobernaci\u00f3n y ente universitario \u00a0 Esta Sala observa, que si bien la controversia contractual surgida entre las partes, cuenta con un mecanismo judicial id\u00f3neo para debatirla, la pol\u00e9mica suscitada no involucra solo a las partes con ocasi\u00f3n del acuerdo suscrito entre ellas, sino que tambi\u00e9n afecta a los estudiantes quienes fueron beneficiados con las becas, los cuales son terceros a los que se les estar\u00eda vulnerando su derecho fundamental a la educaci\u00f3n con los efectos que produjo el haber ...<br \/><div class=\"pt-cv-rmwrap\"><a href=\"https:\/\/www.dmsjuridica.com\/buscador_20179478954\/corteconstitucionalcronologico202454587\/t-164-12\/\" class=\"_self pt-cv-readmore btn btn-success\" target=\"_self\">Ver Sentencia Completa...<\/a><\/div><\/div><\/div><\/div>\n<div class=\"col-md-12 col-sm-12 col-xs-12 pt-cv-content-item pt-cv-1-col\" ><div class='pt-cv-ifield'><a href=\"https:\/\/www.dmsjuridica.com\/buscador_20179478954\/corteconstitucionalcronologico202454587\/t-163-12\/\" class=\"_self pt-cv-href-thumbnail pt-cv-thumb-default\" target=\"_self\" ><\/a>\n<div class=\"pt-cv-taxoterm above_title\"><a href='https:\/\/www.dmsjuridica.com\/buscador_20179478954\/corteconstitucionalcronologico202454587\/category\/buscar-en-toda-la-corte\/2012\/tutelas-2012\/' title='Tutelas 2012' class='pt-cv-tax-tutelas-2012'>Tutelas 2012<\/a><\/div>\n<h4 class=\"pt-cv-title\"><a href=\"https:\/\/www.dmsjuridica.com\/buscador_20179478954\/corteconstitucionalcronologico202454587\/t-163-12\/\" class=\"_self\" target=\"_self\" >T-163-12<\/a><\/h4>\n<div class=\"pt-cv-content\">\u00a0 \u00a0 Sentencia T-163\/12 \u00a0 DERECHO DE PETICION DE LAS PERSONAS PRIVADAS DE LA LIBERTAD EN CENTROS PENITENCIARIOS Y CARCELARIOS-Responsabilidad del Estado de garantizar su protecci\u00f3n de manera eficaz \u00a0 La Corte ha sostenido que los reclusos mantienen plena facultad sobre el ejercicio del derecho de petici\u00f3n, de tal manera que en los eventos en que los privados de la libertad formulen solicitudes dirigidas a funcionarios del sistema penitenciario o en general a la autoridad carcelaria del INPEC deben obtener respuesta de fondo, clara y oportuna a su requerimiento sin que el goce efectivo del mencionado derecho se vea afectado ...<br \/><div class=\"pt-cv-rmwrap\"><a href=\"https:\/\/www.dmsjuridica.com\/buscador_20179478954\/corteconstitucionalcronologico202454587\/t-163-12\/\" class=\"_self pt-cv-readmore btn btn-success\" target=\"_self\">Ver Sentencia Completa...<\/a><\/div><\/div><\/div><\/div>\n<div class=\"col-md-12 col-sm-12 col-xs-12 pt-cv-content-item pt-cv-1-col\" ><div class='pt-cv-ifield'><a href=\"https:\/\/www.dmsjuridica.com\/buscador_20179478954\/corteconstitucionalcronologico202454587\/t-162-12\/\" class=\"_self pt-cv-href-thumbnail pt-cv-thumb-default\" target=\"_self\" ><\/a>\n<div class=\"pt-cv-taxoterm above_title\"><a href='https:\/\/www.dmsjuridica.com\/buscador_20179478954\/corteconstitucionalcronologico202454587\/category\/buscar-en-toda-la-corte\/2012\/tutelas-2012\/' title='Tutelas 2012' class='pt-cv-tax-tutelas-2012'>Tutelas 2012<\/a><\/div>\n<h4 class=\"pt-cv-title\"><a href=\"https:\/\/www.dmsjuridica.com\/buscador_20179478954\/corteconstitucionalcronologico202454587\/t-162-12\/\" class=\"_self\" target=\"_self\" >T-162-12<\/a><\/h4>\n<div class=\"pt-cv-content\">\u00a0 \u00a0 Sentencia T-162\/12 \u00a0 HECHO SUPERADO-Reiteraci\u00f3n de jurisprudencia \u00a0 \u00a0 \u00a0 CARENCIA ACTUAL DE OBJETO-Hecho superado por pretensi\u00f3n satisfecha \u00a0 \u00a0 \u00a0 ACCION DE TUTELA CONTRA EMPRESA DE ACUEDUCTO Y ALCANTARILLADO-Carencia actual de objeto por hecho superado por instalaci\u00f3n y conexi\u00f3n del servicio p\u00fablico de agua y alcantarillado \u00a0 \u00a0 \u00a0 Referencia: expediente T-3.242.509\u00a0 \u00a0 Demandante: \u00c9lver Ospina P\u00e9rez \u00a0 Demandado: Empresa de Acueducto y Alcantarillado de Bogot\u00e1 EAAB-ESP \u00a0 Magistrado Sustanciador:\u00a0 \u00a0 GABRIEL EDUARDO MENDOZA MARTELO \u00a0 Bogot\u00e1, D.C., cinco (5) de marzo de dos mil doce (2012) \u00a0 La Sala Cuarta de Revisi\u00f3n de la Corte Constitucional, ...<br \/><div class=\"pt-cv-rmwrap\"><a href=\"https:\/\/www.dmsjuridica.com\/buscador_20179478954\/corteconstitucionalcronologico202454587\/t-162-12\/\" class=\"_self pt-cv-readmore btn btn-success\" target=\"_self\">Ver Sentencia Completa...<\/a><\/div><\/div><\/div><\/div>\n<div class=\"col-md-12 col-sm-12 col-xs-12 pt-cv-content-item pt-cv-1-col\" ><div class='pt-cv-ifield'><a href=\"https:\/\/www.dmsjuridica.com\/buscador_20179478954\/corteconstitucionalcronologico202454587\/t-161-12\/\" class=\"_self pt-cv-href-thumbnail pt-cv-thumb-default\" target=\"_self\" ><\/a>\n<div class=\"pt-cv-taxoterm above_title\"><a href='https:\/\/www.dmsjuridica.com\/buscador_20179478954\/corteconstitucionalcronologico202454587\/category\/buscar-en-toda-la-corte\/2012\/tutelas-2012\/' title='Tutelas 2012' class='pt-cv-tax-tutelas-2012'>Tutelas 2012<\/a><\/div>\n<h4 class=\"pt-cv-title\"><a href=\"https:\/\/www.dmsjuridica.com\/buscador_20179478954\/corteconstitucionalcronologico202454587\/t-161-12\/\" class=\"_self\" target=\"_self\" >T-161-12<\/a><\/h4>\n<div class=\"pt-cv-content\">\u00a0 \u00a0 Sentencia T-161\/12 \u00a0 ACCION DE TUTELA PARA RECONOCIMIENTO DE PENSION DE VEJEZ-Procedencia excepcional cuando se vulneran derechos de las personas de la tercera edad \u00a0 Las personas de la tercera edad han sido se\u00f1aladas por la jurisprudencia de esta Corporaci\u00f3n como sujetos de especial protecci\u00f3n por parte del Estado y, en consecuencia, deben ser objeto de mayores garant\u00edas para permitirles el goce y disfrute de sus derechos fundamentales. As\u00ed, ante el amparo de los derechos fundamentales debe tenerse en cuenta el estado de salud y la edad de la persona que ha llegado a la tercera edad, pues ...<br \/><div class=\"pt-cv-rmwrap\"><a href=\"https:\/\/www.dmsjuridica.com\/buscador_20179478954\/corteconstitucionalcronologico202454587\/t-161-12\/\" class=\"_self pt-cv-readmore btn btn-success\" target=\"_self\">Ver Sentencia Completa...<\/a><\/div><\/div><\/div><\/div>\n<div class=\"col-md-12 col-sm-12 col-xs-12 pt-cv-content-item pt-cv-1-col\" ><div class='pt-cv-ifield'><a href=\"https:\/\/www.dmsjuridica.com\/buscador_20179478954\/corteconstitucionalcronologico202454587\/t-160-12\/\" class=\"_self pt-cv-href-thumbnail pt-cv-thumb-default\" target=\"_self\" ><\/a>\n<div class=\"pt-cv-taxoterm above_title\"><a href='https:\/\/www.dmsjuridica.com\/buscador_20179478954\/corteconstitucionalcronologico202454587\/category\/buscar-en-toda-la-corte\/2012\/tutelas-2012\/' title='Tutelas 2012' class='pt-cv-tax-tutelas-2012'>Tutelas 2012<\/a><\/div>\n<h4 class=\"pt-cv-title\"><a href=\"https:\/\/www.dmsjuridica.com\/buscador_20179478954\/corteconstitucionalcronologico202454587\/t-160-12\/\" class=\"_self\" target=\"_self\" >T-160-12<\/a><\/h4>\n<div class=\"pt-cv-content\">\u00a0 \u00a0 Sentencia T-160\/12 \u00a0 DERECHOS DE LOS NI\u00d1OS, MUJERES CABEZA DE FAMILIA, DISCAPACITADOS, PERSONAS DE TERCERA EDAD DESPLAZADOS POR LA VIOLENCIA COMO SUJETOS DE ESPECIAL PROTECCION CONSTITUCIONAL-Procedencia de la acci\u00f3n de tutela para la protecci\u00f3n \u00a0 Esta Corte, a trav\u00e9s de m\u00faltiples providencias, ha erigido una especial protecci\u00f3n a la poblaci\u00f3n desplazada, que se encuentre en riesgo acentuado, como las mujeres, los ni\u00f1os, ni\u00f1as y adolescentes, las comunidades ind\u00edgenas y afrodescendientes, los adultos mayores y las personas con discapacidad.\u00a0 \u00a0 AYUDA HUMANITARIA DE EMERGENCIA-Temporalidad debe ser flexible y no estar sujeta a plazos inexorables \u00a0 La ayuda humanitaria no ...<br \/><div class=\"pt-cv-rmwrap\"><a href=\"https:\/\/www.dmsjuridica.com\/buscador_20179478954\/corteconstitucionalcronologico202454587\/t-160-12\/\" class=\"_self pt-cv-readmore btn btn-success\" target=\"_self\">Ver Sentencia Completa...<\/a><\/div><\/div><\/div><\/div>\n<div class=\"col-md-12 col-sm-12 col-xs-12 pt-cv-content-item pt-cv-1-col\" ><div class='pt-cv-ifield'><a href=\"https:\/\/www.dmsjuridica.com\/buscador_20179478954\/corteconstitucionalcronologico202454587\/t-159-12\/\" class=\"_self pt-cv-href-thumbnail pt-cv-thumb-default\" target=\"_self\" ><\/a>\n<div class=\"pt-cv-taxoterm above_title\"><a href='https:\/\/www.dmsjuridica.com\/buscador_20179478954\/corteconstitucionalcronologico202454587\/category\/buscar-en-toda-la-corte\/2012\/tutelas-2012\/' title='Tutelas 2012' class='pt-cv-tax-tutelas-2012'>Tutelas 2012<\/a><\/div>\n<h4 class=\"pt-cv-title\"><a href=\"https:\/\/www.dmsjuridica.com\/buscador_20179478954\/corteconstitucionalcronologico202454587\/t-159-12\/\" class=\"_self\" target=\"_self\" >T-159-12<\/a><\/h4>\n<div class=\"pt-cv-content\">\u00a0 \u00a0 \u00a0\u00a0 Sentencia T-159\/12 \u00a0 ACCION DE TUTELA PARA OBTENER REINTEGRO LABORAL DE TRABAJADOR DISCAPACITADO QUE GOCE DE ESTABILIDAD LABORAL REFORZADA-Procedencia excepcional \u00a0 La terminaci\u00f3n de una relaci\u00f3n laboral, justificada o no, no es en principio una controversia de relevancia constitucional. Lo que no puede aceptarse, es que la desvinculaci\u00f3n del trabajador sea producto de una conducta arbitraria, que estuviere escondiendo un trato discriminatorio hacia el trabajador, ya que en virtud del principio de igualdad contemplado en el art\u00edculo 13 de la Constituci\u00f3n Pol\u00edtica, no puede darse un trato similar a una persona en condici\u00f3n de debilidad manifiesta a ...<br \/><div class=\"pt-cv-rmwrap\"><a href=\"https:\/\/www.dmsjuridica.com\/buscador_20179478954\/corteconstitucionalcronologico202454587\/t-159-12\/\" class=\"_self pt-cv-readmore btn btn-success\" target=\"_self\">Ver Sentencia Completa...<\/a><\/div><\/div><\/div><\/div>\n<div class=\"col-md-12 col-sm-12 col-xs-12 pt-cv-content-item pt-cv-1-col\" ><div class='pt-cv-ifield'><a href=\"https:\/\/www.dmsjuridica.com\/buscador_20179478954\/corteconstitucionalcronologico202454587\/t-158-12\/\" class=\"_self pt-cv-href-thumbnail pt-cv-thumb-default\" target=\"_self\" ><\/a>\n<div class=\"pt-cv-taxoterm above_title\"><a href='https:\/\/www.dmsjuridica.com\/buscador_20179478954\/corteconstitucionalcronologico202454587\/category\/buscar-en-toda-la-corte\/2012\/tutelas-2012\/' title='Tutelas 2012' class='pt-cv-tax-tutelas-2012'>Tutelas 2012<\/a><\/div>\n<h4 class=\"pt-cv-title\"><a href=\"https:\/\/www.dmsjuridica.com\/buscador_20179478954\/corteconstitucionalcronologico202454587\/t-158-12\/\" class=\"_self\" target=\"_self\" >T-158-12<\/a><\/h4>\n<div class=\"pt-cv-content\">\u00a0 \u00a0 Sentencia T-158\/12 \u00a0 SUPERINTENDENCIA DE SOCIEDADES-Naturaleza de los actos en el tr\u00e1mite del proceso de liquidaci\u00f3n judicial de la ley 1116 de 2006 \u00a0 Por virtud de la disposici\u00f3n consagrada en el inciso tercero del art\u00edculo 116 de la Constituci\u00f3n Pol\u00edtica, el Congreso de la Rep\u00fablica puede atribuir, excepcionalmente, funciones jurisdiccionales en materias precisas a determinadas autoridades administrativas. Cuando as\u00ed proceda, ser\u00e1n las entidades administrativas determinadas por la norma las encargadas de decir el derecho respecto de los asuntos sobre los cuales se les ha dado potestad jurisdiccional para resolverlos de manera v\u00e1lida, mediante la adopci\u00f3n de providencias ...<br \/><div class=\"pt-cv-rmwrap\"><a href=\"https:\/\/www.dmsjuridica.com\/buscador_20179478954\/corteconstitucionalcronologico202454587\/t-158-12\/\" class=\"_self pt-cv-readmore btn btn-success\" target=\"_self\">Ver Sentencia Completa...<\/a><\/div><\/div><\/div><\/div>\n<div class=\"col-md-12 col-sm-12 col-xs-12 pt-cv-content-item pt-cv-1-col\" ><div class='pt-cv-ifield'><a href=\"https:\/\/www.dmsjuridica.com\/buscador_20179478954\/corteconstitucionalcronologico202454587\/t-157-12\/\" class=\"_self pt-cv-href-thumbnail pt-cv-thumb-default\" target=\"_self\" ><\/a>\n<div class=\"pt-cv-taxoterm above_title\"><a href='https:\/\/www.dmsjuridica.com\/buscador_20179478954\/corteconstitucionalcronologico202454587\/category\/buscar-en-toda-la-corte\/2012\/tutelas-2012\/' title='Tutelas 2012' class='pt-cv-tax-tutelas-2012'>Tutelas 2012<\/a><\/div>\n<h4 class=\"pt-cv-title\"><a href=\"https:\/\/www.dmsjuridica.com\/buscador_20179478954\/corteconstitucionalcronologico202454587\/t-157-12\/\" class=\"_self\" target=\"_self\" >T-157-12<\/a><\/h4>\n<div class=\"pt-cv-content\">\u00a0 \u00a0 Sentencia T-157\/12\u00a0 \u00a0 PRINCIPIO DE SUBSIDIARIEDAD DE LA ACCION DE TUTELA Y SUS EXCEPCIONES EN MATERIA DE DICTAMENES DE PERDIDA DE LA CAPACIDAD LABORAL-Procedencia cuando afecta derechos fundamentales \u00a0 La jurisprudencia de esta Corporaci\u00f3n ha se\u00f1alado que en casos excepcionales resulta procedente solicitar por v\u00eda de tutela una nueva valoraci\u00f3n de la p\u00e9rdida de capacidad laboral, (i) cuando el mecanismo judicial no resulte id\u00f3neo y eficaz en el caso concreto, lo cual debe ser analizado por el juez atendiendo a las particularidades de cada caso o, (ii) \u00a0cuando a pesar de que el medio ordinario es id\u00f3neo y ...<br \/><div class=\"pt-cv-rmwrap\"><a href=\"https:\/\/www.dmsjuridica.com\/buscador_20179478954\/corteconstitucionalcronologico202454587\/t-157-12\/\" class=\"_self pt-cv-readmore btn btn-success\" target=\"_self\">Ver Sentencia Completa...<\/a><\/div><\/div><\/div><\/div>\n<div class=\"col-md-12 col-sm-12 col-xs-12 pt-cv-content-item pt-cv-1-col\" ><div class='pt-cv-ifield'><a href=\"https:\/\/www.dmsjuridica.com\/buscador_20179478954\/corteconstitucionalcronologico202454587\/t-156-12\/\" class=\"_self pt-cv-href-thumbnail pt-cv-thumb-default\" target=\"_self\" ><\/a>\n<div class=\"pt-cv-taxoterm above_title\"><a href='https:\/\/www.dmsjuridica.com\/buscador_20179478954\/corteconstitucionalcronologico202454587\/category\/buscar-en-toda-la-corte\/2012\/tutelas-2012\/' title='Tutelas 2012' class='pt-cv-tax-tutelas-2012'>Tutelas 2012<\/a><\/div>\n<h4 class=\"pt-cv-title\"><a href=\"https:\/\/www.dmsjuridica.com\/buscador_20179478954\/corteconstitucionalcronologico202454587\/t-156-12\/\" class=\"_self\" target=\"_self\" >T-156-12<\/a><\/h4>\n<div class=\"pt-cv-content\">\u00a0 \u00a0 Sentencia T-156\/12 \u00a0 CONCURSO PUBLICO DE MERITOS-Nombramiento de quien obtuvo el primer puesto \u00a0 Esta Corporaci\u00f3n ha sentado en numerosas oportunidades su jurisprudencia en el sentido de que \u201clas listas de elegibles que se conforman a partir de los puntajes asignados con ocasi\u00f3n de haber superado con \u00e9xito las diferentes etapas del concurso, son inmodificables una vez han sido publicadas y se encuentran en firme\u201d, y en cuanto a que \u201caqu\u00e9l que ocupa el primer lugar en un concurso de m\u00e9ritos no cuenta con una simple expectativa de ser nombrado sino que en realidad es titular de un ...<br \/><div class=\"pt-cv-rmwrap\"><a href=\"https:\/\/www.dmsjuridica.com\/buscador_20179478954\/corteconstitucionalcronologico202454587\/t-156-12\/\" class=\"_self pt-cv-readmore btn btn-success\" target=\"_self\">Ver Sentencia Completa...<\/a><\/div><\/div><\/div><\/div>\n<div class=\"col-md-12 col-sm-12 col-xs-12 pt-cv-content-item pt-cv-1-col\" ><div class='pt-cv-ifield'><a href=\"https:\/\/www.dmsjuridica.com\/buscador_20179478954\/corteconstitucionalcronologico202454587\/t-155-12\/\" class=\"_self pt-cv-href-thumbnail pt-cv-thumb-default\" target=\"_self\" ><\/a>\n<div class=\"pt-cv-taxoterm above_title\"><a href='https:\/\/www.dmsjuridica.com\/buscador_20179478954\/corteconstitucionalcronologico202454587\/category\/buscar-en-toda-la-corte\/2012\/tutelas-2012\/' title='Tutelas 2012' class='pt-cv-tax-tutelas-2012'>Tutelas 2012<\/a><\/div>\n<h4 class=\"pt-cv-title\"><a href=\"https:\/\/www.dmsjuridica.com\/buscador_20179478954\/corteconstitucionalcronologico202454587\/t-155-12\/\" class=\"_self\" target=\"_self\" >T-155-12<\/a><\/h4>\n<div class=\"pt-cv-content\">\u00a0 \u00a0 Sentencia T-155\/12 \u00a0 ACCION DE TUTELA CONTRA DECISION \u00a0DE JUNTA DIRECTIVA DE CONJUNTO RESIDENCIAL-Procedencia excepcional para proteger derecho a la tenencia de animales dom\u00e9sticos como parte del libre desarrollo de la personalidad y de la intimidad familiar \u00a0 DERECHO AL LIBRE DESARROLLO DE LA PERSONALIDAD-Tenencia de animales dom\u00e9sticos\/DERECHO A LA INTIMIDAD PERSONAL Y FAMILIAR-Tenencia de animales dom\u00e9sticos\u00a0 \u00a0 La tenencia de un animal dom\u00e9stico en el lugar de residencia es una decisi\u00f3n personal y familiar que obedece a diferentes necesidades y proyectos de vida, y que por lo tanto en principio debe ser respetada y protegida por el ...<br \/><div class=\"pt-cv-rmwrap\"><a href=\"https:\/\/www.dmsjuridica.com\/buscador_20179478954\/corteconstitucionalcronologico202454587\/t-155-12\/\" class=\"_self pt-cv-readmore btn btn-success\" target=\"_self\">Ver Sentencia Completa...<\/a><\/div><\/div><\/div><\/div>\n<div class=\"col-md-12 col-sm-12 col-xs-12 pt-cv-content-item pt-cv-1-col\" ><div class='pt-cv-ifield'><a href=\"https:\/\/www.dmsjuridica.com\/buscador_20179478954\/corteconstitucionalcronologico202454587\/t-154-12\/\" class=\"_self pt-cv-href-thumbnail pt-cv-thumb-default\" target=\"_self\" ><\/a>\n<div class=\"pt-cv-taxoterm above_title\"><a href='https:\/\/www.dmsjuridica.com\/buscador_20179478954\/corteconstitucionalcronologico202454587\/category\/buscar-en-toda-la-corte\/2012\/tutelas-2012\/' title='Tutelas 2012' class='pt-cv-tax-tutelas-2012'>Tutelas 2012<\/a><\/div>\n<h4 class=\"pt-cv-title\"><a href=\"https:\/\/www.dmsjuridica.com\/buscador_20179478954\/corteconstitucionalcronologico202454587\/t-154-12\/\" class=\"_self\" target=\"_self\" >T-154-12<\/a><\/h4>\n<div class=\"pt-cv-content\">\u00a0 \u00a0 Sentencia T-154\/12 \u00a0 EDAD DE RETIRO FORZOSO COMO CAUSAL DE DESVINCULACION DE DOCENTES AL SERVICIO DEL ESTADO \u00a0 ACCION DE TUTELA CONTRA ACTO ADMINISTRATIVO DE CARACTER PARTICULAR Y CONCRETO-Procedencia excepcional para obtener reintegro laboral cuando se colige vulneraci\u00f3n de derechos fundamentales o perjuicio irremediable \u00a0 La Corte Constitucional ha estimado que la acci\u00f3n de tutela no procede, por regla general contra actos administrativos de contenido particular y concreto, toda vez que para controvertirlos judicialmente existe en el ordenamiento jur\u00eddico la acci\u00f3n de nulidad y restablecimiento del derecho, gracias a la cual el interesado puede solicitar la suspensi\u00f3n provisional ...<br \/><div class=\"pt-cv-rmwrap\"><a href=\"https:\/\/www.dmsjuridica.com\/buscador_20179478954\/corteconstitucionalcronologico202454587\/t-154-12\/\" class=\"_self pt-cv-readmore btn btn-success\" target=\"_self\">Ver Sentencia Completa...<\/a><\/div><\/div><\/div><\/div>\n<div class=\"col-md-12 col-sm-12 col-xs-12 pt-cv-content-item pt-cv-1-col\" ><div class='pt-cv-ifield'><a href=\"https:\/\/www.dmsjuridica.com\/buscador_20179478954\/corteconstitucionalcronologico202454587\/t-153-12\/\" class=\"_self pt-cv-href-thumbnail pt-cv-thumb-default\" target=\"_self\" ><\/a>\n<div class=\"pt-cv-taxoterm above_title\"><a href='https:\/\/www.dmsjuridica.com\/buscador_20179478954\/corteconstitucionalcronologico202454587\/category\/buscar-en-toda-la-corte\/2012\/tutelas-2012\/' title='Tutelas 2012' class='pt-cv-tax-tutelas-2012'>Tutelas 2012<\/a><\/div>\n<h4 class=\"pt-cv-title\"><a href=\"https:\/\/www.dmsjuridica.com\/buscador_20179478954\/corteconstitucionalcronologico202454587\/t-153-12\/\" class=\"_self\" target=\"_self\" >T-153-12<\/a><\/h4>\n<div class=\"pt-cv-content\">\u00a0 \u00a0 Sentencia T-153\/12 \u00a0 ACCION DE TUTELA EN MATERIA DE PENSION DE SOBREVIVIENTES-Podr\u00e1 otorgarse de manera transitoria o definitiva si de la evaluaci\u00f3n del caso se deduce la procedencia \u00a0 ACCION DE TUTELA PARA RECONOCIMIENTO DE PENSION DE SOBREVIVIENTES-Procedencia por cuanto se cumplen requisitos y para evitar perjuicio irremediable \u00a0 El demandante es una persona en condici\u00f3n de discapacidad que desde ni\u00f1o ha padecido retardo mental leve grave a moderado y deficiencia motriz. Esta circunstancia le ha impedido desarrollar una formaci\u00f3n acad\u00e9mica incluso desde su primaria, y le ha obstaculizado el acceso a un trabajo remunerado formal. En ese ...<br \/><div class=\"pt-cv-rmwrap\"><a href=\"https:\/\/www.dmsjuridica.com\/buscador_20179478954\/corteconstitucionalcronologico202454587\/t-153-12\/\" class=\"_self pt-cv-readmore btn btn-success\" target=\"_self\">Ver Sentencia Completa...<\/a><\/div><\/div><\/div><\/div>\n<div class=\"col-md-12 col-sm-12 col-xs-12 pt-cv-content-item pt-cv-1-col\" ><div class='pt-cv-ifield'><a href=\"https:\/\/www.dmsjuridica.com\/buscador_20179478954\/corteconstitucionalcronologico202454587\/t-152-12\/\" class=\"_self pt-cv-href-thumbnail pt-cv-thumb-default\" target=\"_self\" ><\/a>\n<div class=\"pt-cv-taxoterm above_title\"><a href='https:\/\/www.dmsjuridica.com\/buscador_20179478954\/corteconstitucionalcronologico202454587\/category\/buscar-en-toda-la-corte\/2012\/tutelas-2012\/' title='Tutelas 2012' class='pt-cv-tax-tutelas-2012'>Tutelas 2012<\/a><\/div>\n<h4 class=\"pt-cv-title\"><a href=\"https:\/\/www.dmsjuridica.com\/buscador_20179478954\/corteconstitucionalcronologico202454587\/t-152-12\/\" class=\"_self\" target=\"_self\" >T-152-12<\/a><\/h4>\n<div class=\"pt-cv-content\">\u00a0 \u00a0 Sentencia T-152\/12 \u00a0 DERECHO A LA SALUD-Cirug\u00eda de mamoplastia reductora \u00a0 DERECHO A LA SALUD-Diferencias entre mamoplastia reductora de car\u00e1cter est\u00e9tico y funcional \u00a0 DERECHO A LA SALUD COMO CONCEPTO INTEGRAL-Incluye no s\u00f3lo aspectos f\u00edsicos sino tambi\u00e9n ps\u00edquicos, emocionales y sociales \u00a0 La salud no equivale \u00fanicamente a un estado de bienestar f\u00edsico o funcional, \u00a0incluye tambi\u00e9n el bienestar ps\u00edquico, emocional y social de las personas. Todos estos aspectos permiten configurar una vida de calidad e inciden fuertemente en el desarrollo integral del ser humano. As\u00ed, el derecho a la salud se ver\u00e1 vulnerado no s\u00f3lo cuando se ...<br \/><div class=\"pt-cv-rmwrap\"><a href=\"https:\/\/www.dmsjuridica.com\/buscador_20179478954\/corteconstitucionalcronologico202454587\/t-152-12\/\" class=\"_self pt-cv-readmore btn btn-success\" target=\"_self\">Ver Sentencia Completa...<\/a><\/div><\/div><\/div><\/div>\n<div class=\"col-md-12 col-sm-12 col-xs-12 pt-cv-content-item pt-cv-1-col\" ><div class='pt-cv-ifield'><a href=\"https:\/\/www.dmsjuridica.com\/buscador_20179478954\/corteconstitucionalcronologico202454587\/t-151-12\/\" class=\"_self pt-cv-href-thumbnail pt-cv-thumb-default\" target=\"_self\" ><\/a>\n<div class=\"pt-cv-taxoterm above_title\"><a href='https:\/\/www.dmsjuridica.com\/buscador_20179478954\/corteconstitucionalcronologico202454587\/category\/buscar-en-toda-la-corte\/2012\/tutelas-2012\/' title='Tutelas 2012' class='pt-cv-tax-tutelas-2012'>Tutelas 2012<\/a><\/div>\n<h4 class=\"pt-cv-title\"><a href=\"https:\/\/www.dmsjuridica.com\/buscador_20179478954\/corteconstitucionalcronologico202454587\/t-151-12\/\" class=\"_self\" target=\"_self\" >T-151-12<\/a><\/h4>\n<div class=\"pt-cv-content\">\u00a0 \u00a0 Sentencia T-151\/12 \u00a0 ACTUACION TEMERARIA Y COSA JUZGADA EN MATERIA DE TUTELA-Configuraci\u00f3n \u00a0 ACCION DE TUTELA TEMERARIA-Para que se configure temeridad debe evidenciarse la mala fe en el actuar del peticionario \u00a0 La accionante es una persona de la tercera de edad y debido a lo avanzado de su edad \u2013 tiene 92 a\u00f1os- presenta muchas limitaciones, tal como se desprende de lo afirmado por el apoderado de la accionante en escrito allegado a esta Corporaci\u00f3n, en el que manifiesta que la peticionaria necesita del acompa\u00f1amiento permanente de una enfermera y su movilidad es limitada. Dadas estas circunstancias ...<br \/><div class=\"pt-cv-rmwrap\"><a href=\"https:\/\/www.dmsjuridica.com\/buscador_20179478954\/corteconstitucionalcronologico202454587\/t-151-12\/\" class=\"_self pt-cv-readmore btn btn-success\" target=\"_self\">Ver Sentencia Completa...<\/a><\/div><\/div><\/div><\/div>\n<div class=\"col-md-12 col-sm-12 col-xs-12 pt-cv-content-item pt-cv-1-col\" ><div class='pt-cv-ifield'><a href=\"https:\/\/www.dmsjuridica.com\/buscador_20179478954\/corteconstitucionalcronologico202454587\/t-150-12\/\" class=\"_self pt-cv-href-thumbnail pt-cv-thumb-default\" target=\"_self\" ><\/a>\n<div class=\"pt-cv-taxoterm above_title\"><a href='https:\/\/www.dmsjuridica.com\/buscador_20179478954\/corteconstitucionalcronologico202454587\/category\/buscar-en-toda-la-corte\/2012\/tutelas-2012\/' title='Tutelas 2012' class='pt-cv-tax-tutelas-2012'>Tutelas 2012<\/a><\/div>\n<h4 class=\"pt-cv-title\"><a href=\"https:\/\/www.dmsjuridica.com\/buscador_20179478954\/corteconstitucionalcronologico202454587\/t-150-12\/\" class=\"_self\" target=\"_self\" >T-150-12<\/a><\/h4>\n<div class=\"pt-cv-content\">\u00a0 \u00a0 Sentencia T-150\/12 \u00a0 DERECHO A LA SALUD DE PERSONA DE LA TERCERA EDAD COMO DERECHO FUNDAMENTAL-Reiteraci\u00f3n de jurisprudencia \u00a0 Si el derecho a la salud de cualquier individuo resulta amenazado o vulnerado, los jueces pueden hacer efectiva su protecci\u00f3n por v\u00eda de tutela. Queda as\u00ed demostrado que, para la jurisprudencia colombiana, el derecho a la salud es un derecho fundamental de todos los habitantes del territorio nacional que debe ser respetado y protegido y que puede ser invocado en sede de tutela si llega a verse amenazado o vulnerado. En el caso bajo estudio la accionante es una ...<br \/><div class=\"pt-cv-rmwrap\"><a href=\"https:\/\/www.dmsjuridica.com\/buscador_20179478954\/corteconstitucionalcronologico202454587\/t-150-12\/\" class=\"_self pt-cv-readmore btn btn-success\" target=\"_self\">Ver Sentencia Completa...<\/a><\/div><\/div><\/div><\/div>\n<div class=\"col-md-12 col-sm-12 col-xs-12 pt-cv-content-item pt-cv-1-col\" ><div class='pt-cv-ifield'><a href=\"https:\/\/www.dmsjuridica.com\/buscador_20179478954\/corteconstitucionalcronologico202454587\/t-149-12\/\" class=\"_self pt-cv-href-thumbnail pt-cv-thumb-default\" target=\"_self\" ><\/a>\n<div class=\"pt-cv-taxoterm above_title\"><a href='https:\/\/www.dmsjuridica.com\/buscador_20179478954\/corteconstitucionalcronologico202454587\/category\/buscar-en-toda-la-corte\/2012\/tutelas-2012\/' title='Tutelas 2012' class='pt-cv-tax-tutelas-2012'>Tutelas 2012<\/a><\/div>\n<h4 class=\"pt-cv-title\"><a href=\"https:\/\/www.dmsjuridica.com\/buscador_20179478954\/corteconstitucionalcronologico202454587\/t-149-12\/\" class=\"_self\" target=\"_self\" >T-149-12<\/a><\/h4>\n<div class=\"pt-cv-content\">\u00a0 \u00a0 Sentencia T-149\/12 \u00a0 ACCION DE TUTELA PARA RECONOCIMIENTO DE PENSION DE VEJEZ-Procedencia excepcional cuando se vulneran derechos de las personas de la tercera edad \u00a0 El derecho al reconocimiento de la pensi\u00f3n de jubilaci\u00f3n es un asunto de relevancia constitucional por estar radicado en personas de la tercera edad; la privaci\u00f3n de este derecho puede afectar el derecho al m\u00ednimo vital de este grupo de ciudadanos, y la procedibilidad para ser reclamado por v\u00eda de tutela se da cuando convergen otras circunstancias que complican la existencia digna del sujeto, tales como padecimientos de salud, carencia de otros recursos ...<br \/><div class=\"pt-cv-rmwrap\"><a href=\"https:\/\/www.dmsjuridica.com\/buscador_20179478954\/corteconstitucionalcronologico202454587\/t-149-12\/\" class=\"_self pt-cv-readmore btn btn-success\" target=\"_self\">Ver Sentencia Completa...<\/a><\/div><\/div><\/div><\/div>\n<div class=\"col-md-12 col-sm-12 col-xs-12 pt-cv-content-item pt-cv-1-col\" ><div class='pt-cv-ifield'><a href=\"https:\/\/www.dmsjuridica.com\/buscador_20179478954\/corteconstitucionalcronologico202454587\/t-148-12\/\" class=\"_self pt-cv-href-thumbnail pt-cv-thumb-default\" target=\"_self\" ><\/a>\n<div class=\"pt-cv-taxoterm above_title\"><a href='https:\/\/www.dmsjuridica.com\/buscador_20179478954\/corteconstitucionalcronologico202454587\/category\/buscar-en-toda-la-corte\/2012\/tutelas-2012\/' title='Tutelas 2012' class='pt-cv-tax-tutelas-2012'>Tutelas 2012<\/a><\/div>\n<h4 class=\"pt-cv-title\"><a href=\"https:\/\/www.dmsjuridica.com\/buscador_20179478954\/corteconstitucionalcronologico202454587\/t-148-12\/\" class=\"_self\" target=\"_self\" >T-148-12<\/a><\/h4>\n<div class=\"pt-cv-content\">\u00a0 \u00a0 Sentencia T-148\/12 \u00a0 ACTO ADMINISTRATIVO-Eficacia de la suspensi\u00f3n provisional a trav\u00e9s de acci\u00f3n de tutela\u00a0 \u00a0 ACCION DE TUTELA-Procedibilidad cuando se utiliza como mecanismo transitorio para evitar la consumaci\u00f3n de un perjuicio irremediable \u00a0 ACCION DE TUTELA-Requisitos de procedibilidad \u00a0 ACCION DE TUTELA CONTRA ACTO ADMINISTRATIVO-Mecanismo transitorio para evitar perjuicio irremediable \u00a0 ACCION DE TUTELA-Causales para su procedencia\u00a0 \u00a0 ACCION DE TUTELA-Subsidiariedad \u00a0 ACCION DE TUTELA PARA EVITAR UN PERJUICIO IRREMEDIABLE-Jurisprudencia\u00a0 \u00a0 ACCION DE TUTELA PARA LA SUSPENSION DE ACTO ADMINISTRATIVO-Jurisprudencia\u00a0 \u00a0 PERJUICIO IRREMEDIABLE-Definici\u00f3n\u00a0 \u00a0 ACCION DE TUTELA Y SUSPENSION PROVISIONAL DE ACTO ADMINISTRATIVO-Diferencia\u00a0 \u00a0 PERJUICIO IRREMEDIABLE FRENTE ...<br \/><div class=\"pt-cv-rmwrap\"><a href=\"https:\/\/www.dmsjuridica.com\/buscador_20179478954\/corteconstitucionalcronologico202454587\/t-148-12\/\" class=\"_self pt-cv-readmore btn btn-success\" target=\"_self\">Ver Sentencia Completa...<\/a><\/div><\/div><\/div><\/div>\n<div class=\"col-md-12 col-sm-12 col-xs-12 pt-cv-content-item pt-cv-1-col\" ><div class='pt-cv-ifield'><a href=\"https:\/\/www.dmsjuridica.com\/buscador_20179478954\/corteconstitucionalcronologico202454587\/t-147-12\/\" class=\"_self pt-cv-href-thumbnail pt-cv-thumb-default\" target=\"_self\" ><\/a>\n<div class=\"pt-cv-taxoterm above_title\"><a href='https:\/\/www.dmsjuridica.com\/buscador_20179478954\/corteconstitucionalcronologico202454587\/category\/buscar-en-toda-la-corte\/2012\/tutelas-2012\/' title='Tutelas 2012' class='pt-cv-tax-tutelas-2012'>Tutelas 2012<\/a><\/div>\n<h4 class=\"pt-cv-title\"><a href=\"https:\/\/www.dmsjuridica.com\/buscador_20179478954\/corteconstitucionalcronologico202454587\/t-147-12\/\" class=\"_self\" target=\"_self\" >T-147-12<\/a><\/h4>\n<div class=\"pt-cv-content\">\u00a0 \u00a0 Sentencia T-147\/12 \u00a0 ACCION DE TUTELA PARA RECONOCIMIENTO DE PENSION DE INVALIDEZ-Procedencia excepcional por afectaci\u00f3n al m\u00ednimo vital y vida digna de sujetos de especial protecci\u00f3n \u00a0 En el presente caso existen varios elementos de juicio que indican que el actor se halla en un estado de vulnerabilidad en raz\u00f3n a su grave estado de salud, lo cual hace que este excepcional mecanismo de protecci\u00f3n de los derechos fundamentales sea el eficaz para su defensa frente a otros mecanismos legales que carecen de idoneidad por no ser expeditos. De otro lado, no hay duda de que el peticionario ...<br \/><div class=\"pt-cv-rmwrap\"><a href=\"https:\/\/www.dmsjuridica.com\/buscador_20179478954\/corteconstitucionalcronologico202454587\/t-147-12\/\" class=\"_self pt-cv-readmore btn btn-success\" target=\"_self\">Ver Sentencia Completa...<\/a><\/div><\/div><\/div><\/div>\n<div class=\"col-md-12 col-sm-12 col-xs-12 pt-cv-content-item pt-cv-1-col\" ><div class='pt-cv-ifield'><a href=\"https:\/\/www.dmsjuridica.com\/buscador_20179478954\/corteconstitucionalcronologico202454587\/t-146-12\/\" class=\"_self pt-cv-href-thumbnail pt-cv-thumb-default\" target=\"_self\" ><\/a>\n<div class=\"pt-cv-taxoterm above_title\"><a href='https:\/\/www.dmsjuridica.com\/buscador_20179478954\/corteconstitucionalcronologico202454587\/category\/buscar-en-toda-la-corte\/2012\/tutelas-2012\/' title='Tutelas 2012' class='pt-cv-tax-tutelas-2012'>Tutelas 2012<\/a><\/div>\n<h4 class=\"pt-cv-title\"><a href=\"https:\/\/www.dmsjuridica.com\/buscador_20179478954\/corteconstitucionalcronologico202454587\/t-146-12\/\" class=\"_self\" target=\"_self\" >T-146-12<\/a><\/h4>\n<div class=\"pt-cv-content\">\u00a0 \u00a0 {p} \u00a0 Sentencia T-146\/12 \u00a0 ACCION DE TUTELA CONTRA PARTICULARES-Procedencia por ser la actividad bancaria un servicio p\u00fablico \u00a0 En reiterada jurisprudencia, esta Corporaci\u00f3n ha estudiado la procedencia de la acci\u00f3n de tutela contra las personas jur\u00eddicas que desarrollan la actividad bancaria, concluyendo que, independientemente de su naturaleza p\u00fablica, privada, o mixta, las mismas act\u00faan en ejercicio de una autorizaci\u00f3n del Estado para la prestaci\u00f3n de una actividad que tiende a satisfacer una necesidad de car\u00e1cter general, en forma continua y obligatoria, seg\u00fan las ordenaciones del derecho p\u00fablico. Esta necesidad consiste en canalizar la mayor parte del flujo ...<br \/><div class=\"pt-cv-rmwrap\"><a href=\"https:\/\/www.dmsjuridica.com\/buscador_20179478954\/corteconstitucionalcronologico202454587\/t-146-12\/\" class=\"_self pt-cv-readmore btn btn-success\" target=\"_self\">Ver Sentencia Completa...<\/a><\/div><\/div><\/div><\/div>\n<div class=\"col-md-12 col-sm-12 col-xs-12 pt-cv-content-item pt-cv-1-col\" ><div class='pt-cv-ifield'><a href=\"https:\/\/www.dmsjuridica.com\/buscador_20179478954\/corteconstitucionalcronologico202454587\/t-145-12\/\" class=\"_self pt-cv-href-thumbnail pt-cv-thumb-default\" target=\"_self\" ><\/a>\n<div class=\"pt-cv-taxoterm above_title\"><a href='https:\/\/www.dmsjuridica.com\/buscador_20179478954\/corteconstitucionalcronologico202454587\/category\/buscar-en-toda-la-corte\/2012\/tutelas-2012\/' title='Tutelas 2012' class='pt-cv-tax-tutelas-2012'>Tutelas 2012<\/a><\/div>\n<h4 class=\"pt-cv-title\"><a href=\"https:\/\/www.dmsjuridica.com\/buscador_20179478954\/corteconstitucionalcronologico202454587\/t-145-12\/\" class=\"_self\" target=\"_self\" >T-145-12<\/a><\/h4>\n<div class=\"pt-cv-content\">\u00a0 \u00a0 Sentencia T-145\/12 \u00a0 (Bogot\u00e1 D.C. 1 de marzo) \u00a0 ACCION DE TUTELA CONTRA ACTO ADMINISTRATIVO PRECONTRACTUAL-Improcedencia por existir medio judicial de defensa id\u00f3neo y no acreditar perjuicio irremediable en adjudicaci\u00f3n de licitaci\u00f3n para compra de medicamentos \u00a0 Referencia: expediente T 3.058.069 \u00a0 \u00a0\u00a0 \u00a0 \u00a0 \u00a0 Tutela objeto revisi\u00f3n: Sentencia del Tribunal Administrativo de Cundinamarca, Secci\u00f3n Tercera, Subsecci\u00f3n B, del 2 de febrero de 2011 y Sentencia del Consejo de Estado, del 10 de marzo de 2011, mediante las cuales se declar\u00f3 la improcedencia de la acci\u00f3n de tutela instaurada. \u00a0 \u00a0\u00a0 \u00a0 \u00a0 \u00a0 Accionante: Uni\u00f3n Temporal ...<br \/><div class=\"pt-cv-rmwrap\"><a href=\"https:\/\/www.dmsjuridica.com\/buscador_20179478954\/corteconstitucionalcronologico202454587\/t-145-12\/\" class=\"_self pt-cv-readmore btn btn-success\" target=\"_self\">Ver Sentencia Completa...<\/a><\/div><\/div><\/div><\/div>\n<div class=\"col-md-12 col-sm-12 col-xs-12 pt-cv-content-item pt-cv-1-col\" ><div class='pt-cv-ifield'><a href=\"https:\/\/www.dmsjuridica.com\/buscador_20179478954\/corteconstitucionalcronologico202454587\/t-144-12\/\" class=\"_self pt-cv-href-thumbnail pt-cv-thumb-default\" target=\"_self\" ><\/a>\n<div class=\"pt-cv-taxoterm above_title\"><a href='https:\/\/www.dmsjuridica.com\/buscador_20179478954\/corteconstitucionalcronologico202454587\/category\/buscar-en-toda-la-corte\/2012\/tutelas-2012\/' title='Tutelas 2012' class='pt-cv-tax-tutelas-2012'>Tutelas 2012<\/a><\/div>\n<h4 class=\"pt-cv-title\"><a href=\"https:\/\/www.dmsjuridica.com\/buscador_20179478954\/corteconstitucionalcronologico202454587\/t-144-12\/\" class=\"_self\" target=\"_self\" >T-144-12<\/a><\/h4>\n<div class=\"pt-cv-content\">\u00a0 \u00a0 Sentencia T-144\/12 \u00a0 ACCION DE TUTELA CONTRA PROVIDENCIAS JUDICIALES-Requisitos generales y especiales de procedibilidad \u00a0 DEFECTO SUSTANTIVO-Breve rese\u00f1a de la configuraci\u00f3n \u00a0 PRINCIPIO DE INMEDIATEZ EN ACCION DE TUTELA CONTRA PROVIDENCIAS JUDICIALES-T\u00e9rmino razonable \u00a0 ACCION DE TUTELA CONTRA PROVIDENCIAS JUDICIALES-Improcedencia por no cumplir con el requisito de inmediatez en proceso ejecutivo \u00a0 Referencia: expediente T-3190403 \u00a0 Acci\u00f3n de tutela instaurada por Roque Jacinto Redondo Torres contra el Juzgado Quinto Civil del Circuito de Cartagena y la Sala Civil Familia del Tribunal Superior de Distrito Judicial de Cartagena. \u00a0 Magistrado ponente: \u00a0 Bogot\u00e1 D. C., primero (1\u00b0) de marzo ...<br \/><div class=\"pt-cv-rmwrap\"><a href=\"https:\/\/www.dmsjuridica.com\/buscador_20179478954\/corteconstitucionalcronologico202454587\/t-144-12\/\" class=\"_self pt-cv-readmore btn btn-success\" target=\"_self\">Ver Sentencia Completa...<\/a><\/div><\/div><\/div><\/div>\n<div class=\"col-md-12 col-sm-12 col-xs-12 pt-cv-content-item pt-cv-1-col\" ><div class='pt-cv-ifield'><a href=\"https:\/\/www.dmsjuridica.com\/buscador_20179478954\/corteconstitucionalcronologico202454587\/t-143-12\/\" class=\"_self pt-cv-href-thumbnail pt-cv-thumb-default\" target=\"_self\" ><\/a>\n<div class=\"pt-cv-taxoterm above_title\"><a href='https:\/\/www.dmsjuridica.com\/buscador_20179478954\/corteconstitucionalcronologico202454587\/category\/buscar-en-toda-la-corte\/2012\/tutelas-2012\/' title='Tutelas 2012' class='pt-cv-tax-tutelas-2012'>Tutelas 2012<\/a><\/div>\n<h4 class=\"pt-cv-title\"><a href=\"https:\/\/www.dmsjuridica.com\/buscador_20179478954\/corteconstitucionalcronologico202454587\/t-143-12\/\" class=\"_self\" target=\"_self\" >T-143-12<\/a><\/h4>\n<div class=\"pt-cv-content\">\u00a0 \u00a0 Sentencia T-143\/12 \u00a0 DERECHO FUNDAMENTAL A LA SEGURIDAD SOCIAL Y PROTECCION POR MEDIO DE ACCION DE TUTELA-Reiteraci\u00f3n de jurisprudencia \u00a0 ACCION DE TUTELA PARA RECONOCIMIENTO DE PENSION DE VEJEZ-Improcedencia cuando no se cumpli\u00f3 con el requisito de inmediatez \u00a0 ACCION DE TUTELA CONTRA CHEVRON PETROLEUM COMPANY-Inaplicaci\u00f3n de precedente en las sentencias T-784 de 2010 y T-712 de 2011 por cuanto la accionante mediante conciliaci\u00f3n recibi\u00f3 una suma de dinero como concepto de pago \u00fanico de pensi\u00f3n \u00a0 Referencia: expediente T-3141083 \u00a0 Acci\u00f3n de tutela instaurada por Isabel Guerra de Narv\u00e1ez contra TEXAS PETROLEUM COMPANY hoy CHEVRON PETROLEUM COMPANY ...<br \/><div class=\"pt-cv-rmwrap\"><a href=\"https:\/\/www.dmsjuridica.com\/buscador_20179478954\/corteconstitucionalcronologico202454587\/t-143-12\/\" class=\"_self pt-cv-readmore btn btn-success\" target=\"_self\">Ver Sentencia Completa...<\/a><\/div><\/div><\/div><\/div>\n<div class=\"col-md-12 col-sm-12 col-xs-12 pt-cv-content-item pt-cv-1-col\" ><div class='pt-cv-ifield'><a href=\"https:\/\/www.dmsjuridica.com\/buscador_20179478954\/corteconstitucionalcronologico202454587\/t-142-12\/\" class=\"_self pt-cv-href-thumbnail pt-cv-thumb-default\" target=\"_self\" ><\/a>\n<div class=\"pt-cv-taxoterm above_title\"><a href='https:\/\/www.dmsjuridica.com\/buscador_20179478954\/corteconstitucionalcronologico202454587\/category\/buscar-en-toda-la-corte\/2012\/tutelas-2012\/' title='Tutelas 2012' class='pt-cv-tax-tutelas-2012'>Tutelas 2012<\/a><\/div>\n<h4 class=\"pt-cv-title\"><a href=\"https:\/\/www.dmsjuridica.com\/buscador_20179478954\/corteconstitucionalcronologico202454587\/t-142-12\/\" class=\"_self\" target=\"_self\" >T-142-12<\/a><\/h4>\n<div class=\"pt-cv-content\">\u00a0 \u00a0 Sentencia T-142\/12 \u00a0 ACCION DE TUTELA CONTRA PROVIDENCIAS JUDICIALES-Requisitos generales y especiales de procedibilidad \u00a0 PRINCIPIO DE INMEDIATEZ COMO REQUISITO DE PROCEDIBILIDAD DE LA ACCION DE TUTELA CONTRA PROVIDENCIAS JUDICIALES\u00a0 \u00a0 PRINCIPIO DE INMEDIATEZ-Criterios para determinar el cumplimiento a pesar de que no exista un t\u00e9rmino de caducidad de la acci\u00f3n de tutela \u00a0 ACCION DE TUTELA CONTRA PROVIDENCIAS JUDICIALES EN PROCESO REIVINDICATORIO-Improcedencia por no cumplir requisito de inmediatez \u00a0 Referencia: expediente T-3242799 \u00a0 Acci\u00f3n de tutela instaurada por Elsa Mendoza de Ceballos contra la Sala Civil \u2013 Familia del Tribunal Superior de Santa Marta y otro. \u00a0 ...<br \/><div class=\"pt-cv-rmwrap\"><a href=\"https:\/\/www.dmsjuridica.com\/buscador_20179478954\/corteconstitucionalcronologico202454587\/t-142-12\/\" class=\"_self pt-cv-readmore btn btn-success\" target=\"_self\">Ver Sentencia Completa...<\/a><\/div><\/div><\/div><\/div>\n<div class=\"col-md-12 col-sm-12 col-xs-12 pt-cv-content-item pt-cv-1-col\" ><div class='pt-cv-ifield'><a href=\"https:\/\/www.dmsjuridica.com\/buscador_20179478954\/corteconstitucionalcronologico202454587\/t-141-12\/\" class=\"_self pt-cv-href-thumbnail pt-cv-thumb-default\" target=\"_self\" ><\/a>\n<div class=\"pt-cv-taxoterm above_title\"><a href='https:\/\/www.dmsjuridica.com\/buscador_20179478954\/corteconstitucionalcronologico202454587\/category\/buscar-en-toda-la-corte\/2012\/tutelas-2012\/' title='Tutelas 2012' class='pt-cv-tax-tutelas-2012'>Tutelas 2012<\/a><\/div>\n<h4 class=\"pt-cv-title\"><a href=\"https:\/\/www.dmsjuridica.com\/buscador_20179478954\/corteconstitucionalcronologico202454587\/t-141-12\/\" class=\"_self\" target=\"_self\" >T-141-12<\/a><\/h4>\n<div class=\"pt-cv-content\">\u00a0 \u00a0 Sentencia T-141\/12 \u00a0 DERECHO FUNDAMENTAL A LA VIVIENDA DIGNA Y PROTECCION POR VIA DE TUTELA \u00a0 La Sala considera pertinente recalcar que, en desarrollo de la funci\u00f3n que la Constituci\u00f3n le ha asignado, el juez de amparo est\u00e1 llamado a intervenir ante la inexistencia o la deficiencia del desarrollo legal o reglamentario en la materia, con el prop\u00f3sito no de definir en forma general pol\u00edticas p\u00fablicas tendentes a la satisfacci\u00f3n del derecho a la vivienda digna para todos los asociados, pero s\u00ed bajo la idea de superar o suplir las falencias puntuales que advierta en la definici\u00f3n de ...<br \/><div class=\"pt-cv-rmwrap\"><a href=\"https:\/\/www.dmsjuridica.com\/buscador_20179478954\/corteconstitucionalcronologico202454587\/t-141-12\/\" class=\"_self pt-cv-readmore btn btn-success\" target=\"_self\">Ver Sentencia Completa...<\/a><\/div><\/div><\/div><\/div>\n<div class=\"col-md-12 col-sm-12 col-xs-12 pt-cv-content-item pt-cv-1-col\" ><div class='pt-cv-ifield'><a href=\"https:\/\/www.dmsjuridica.com\/buscador_20179478954\/corteconstitucionalcronologico202454587\/t-140-12\/\" class=\"_self pt-cv-href-thumbnail pt-cv-thumb-default\" target=\"_self\" ><\/a>\n<div class=\"pt-cv-taxoterm above_title\"><a href='https:\/\/www.dmsjuridica.com\/buscador_20179478954\/corteconstitucionalcronologico202454587\/category\/buscar-en-toda-la-corte\/2012\/tutelas-2012\/' title='Tutelas 2012' class='pt-cv-tax-tutelas-2012'>Tutelas 2012<\/a><\/div>\n<h4 class=\"pt-cv-title\"><a href=\"https:\/\/www.dmsjuridica.com\/buscador_20179478954\/corteconstitucionalcronologico202454587\/t-140-12\/\" class=\"_self\" target=\"_self\" >T-140-12<\/a><\/h4>\n<div class=\"pt-cv-content\">\u00a0 \u00a0 Sentencia T-140\/12\u00a0 \u00a0 ACCION DE TUTELA CONTRA PROVIDENCIAS JUDICIALES-Requisitos generales y especiales de procedibilidad \u00a0 DEFECTO FACTICO-Dimensi\u00f3n negativa de la prueba \u00a0 En el defecto f\u00e1ctico por dimensi\u00f3n negativa, la jurisprudencia constitucional ha identificado tres escenarios de ocurrencia que se pasan a enunciar: el primero, por ignorar o no valorar, injustificadamente, una realidad probatoria determinante en el desenlace del proceso; el segundo, por decidir sin el apoyo probatorio que permita la aplicaci\u00f3n del supuesto legal en el que se sustenta la decisi\u00f3n; y, el tercero, por no decretar pruebas de oficio en los procedimientos en que el juez ...<br \/><div class=\"pt-cv-rmwrap\"><a href=\"https:\/\/www.dmsjuridica.com\/buscador_20179478954\/corteconstitucionalcronologico202454587\/t-140-12\/\" class=\"_self pt-cv-readmore btn btn-success\" target=\"_self\">Ver Sentencia Completa...<\/a><\/div><\/div><\/div><\/div>\n<div class=\"col-md-12 col-sm-12 col-xs-12 pt-cv-content-item pt-cv-1-col\" ><div class='pt-cv-ifield'><a href=\"https:\/\/www.dmsjuridica.com\/buscador_20179478954\/corteconstitucionalcronologico202454587\/t-138-12\/\" class=\"_self pt-cv-href-thumbnail pt-cv-thumb-default\" target=\"_self\" ><\/a>\n<div class=\"pt-cv-taxoterm above_title\"><a href='https:\/\/www.dmsjuridica.com\/buscador_20179478954\/corteconstitucionalcronologico202454587\/category\/buscar-en-toda-la-corte\/2012\/tutelas-2012\/' title='Tutelas 2012' class='pt-cv-tax-tutelas-2012'>Tutelas 2012<\/a><\/div>\n<h4 class=\"pt-cv-title\"><a href=\"https:\/\/www.dmsjuridica.com\/buscador_20179478954\/corteconstitucionalcronologico202454587\/t-138-12\/\" class=\"_self\" target=\"_self\" >T-138-12<\/a><\/h4>\n<div class=\"pt-cv-content\">\u00a0 \u00a0 Sentencia T-138\/12 \u00a0 ACCION DE TUTELA PARA EL RECONOCIMIENTO DE PENSION DE INVALIDEZ A ENFERMO DE VIH\/SIDA-Procedencia por ser el mecanismo id\u00f3neo para la defensa de los derechos fundamentales del accionante y para lograr el reconocimiento de la prestaci\u00f3n pensional \u00a0 Hay algunos grupos especiales para quienes el constituyente consagr\u00f3 un deber de especial protecci\u00f3n y reconoci\u00f3 en la acci\u00f3n de tutela el mecanismo propicio de protecci\u00f3n de los derechos vulnerados cuando quiera que el reconocimiento o restablecimiento y pago de una pensi\u00f3n suponga la protecci\u00f3n de un derecho de alcance constitucional. Uno de estos grupos de especial ...<br \/><div class=\"pt-cv-rmwrap\"><a href=\"https:\/\/www.dmsjuridica.com\/buscador_20179478954\/corteconstitucionalcronologico202454587\/t-138-12\/\" class=\"_self pt-cv-readmore btn btn-success\" target=\"_self\">Ver Sentencia Completa...<\/a><\/div><\/div><\/div><\/div>\n<div class=\"col-md-12 col-sm-12 col-xs-12 pt-cv-content-item pt-cv-1-col\" ><div class='pt-cv-ifield'><a href=\"https:\/\/www.dmsjuridica.com\/buscador_20179478954\/corteconstitucionalcronologico202454587\/t-137-12\/\" class=\"_self pt-cv-href-thumbnail pt-cv-thumb-default\" target=\"_self\" ><\/a>\n<div class=\"pt-cv-taxoterm above_title\"><a href='https:\/\/www.dmsjuridica.com\/buscador_20179478954\/corteconstitucionalcronologico202454587\/category\/buscar-en-toda-la-corte\/2012\/tutelas-2012\/' title='Tutelas 2012' class='pt-cv-tax-tutelas-2012'>Tutelas 2012<\/a><\/div>\n<h4 class=\"pt-cv-title\"><a href=\"https:\/\/www.dmsjuridica.com\/buscador_20179478954\/corteconstitucionalcronologico202454587\/t-137-12\/\" class=\"_self\" target=\"_self\" >T-137-12<\/a><\/h4>\n<div class=\"pt-cv-content\">\u00a0 \u00a0 Sentencia T-137\/12 \u00a0 SEGURIDAD SOCIAL COMO DERECHO CONSTITUCIONAL FUNDAMENTAL-Protecci\u00f3n por medio de la acci\u00f3n de tutela \u00a0 El derecho a la seguridad social protege a las personas que est\u00e1n en imposibilidad f\u00edsica o mental para obtener los medios de subsistencia que le permitan llevar una vida digna a causa de la vejez, del desempleo o de una enfermedad o incapacidad laboral. El derecho a la seguridad social - dentro del cual se inscribe el derecho al pago de incapacidades laborales -, es un derecho fundamental y que, cuando se presenten alguno de los dos eventos descritos, la acci\u00f3n ...<br \/><div class=\"pt-cv-rmwrap\"><a href=\"https:\/\/www.dmsjuridica.com\/buscador_20179478954\/corteconstitucionalcronologico202454587\/t-137-12\/\" class=\"_self pt-cv-readmore btn btn-success\" target=\"_self\">Ver Sentencia Completa...<\/a><\/div><\/div><\/div><\/div>\n<div class=\"col-md-12 col-sm-12 col-xs-12 pt-cv-content-item pt-cv-1-col\" ><div class='pt-cv-ifield'><a href=\"https:\/\/www.dmsjuridica.com\/buscador_20179478954\/corteconstitucionalcronologico202454587\/t-136-12\/\" class=\"_self pt-cv-href-thumbnail pt-cv-thumb-default\" target=\"_self\" ><\/a>\n<div class=\"pt-cv-taxoterm above_title\"><a href='https:\/\/www.dmsjuridica.com\/buscador_20179478954\/corteconstitucionalcronologico202454587\/category\/buscar-en-toda-la-corte\/2012\/tutelas-2012\/' title='Tutelas 2012' class='pt-cv-tax-tutelas-2012'>Tutelas 2012<\/a><\/div>\n<h4 class=\"pt-cv-title\"><a href=\"https:\/\/www.dmsjuridica.com\/buscador_20179478954\/corteconstitucionalcronologico202454587\/t-136-12\/\" class=\"_self\" target=\"_self\" >T-136-12<\/a><\/h4>\n<div class=\"pt-cv-content\">\u00a0 \u00a0 Sentencia T-136\/12 \u00a0 ACCION DE TUTELA CONTRA PROVIDENCIAS JUDICIALES-Reiteraci\u00f3n de jurisprudencia sobre procedencia excepcional \u00a0 DEFECTO SUSTANTIVO-Configuraci\u00f3n \u00a0 ERROR EN LA INTERPRETACION COMO CAUSA DEL DEFECTO SUSTANTIVO-Reiteraci\u00f3n de jurisprudencia \u00a0 VIOLACION DIRECTA DE LA CONSTITUCION-Definici\u00f3n \u00a0 SUSTITUCION PENSIONAL-Importancia\u00a0 \u00a0 PENSION DE SOBREVIVIENTES CUANDO EXISTE CONVIVENCIA SIMULTANEA-Igualdad para c\u00f3nyuge y compa\u00f1era(o) permanente\u00a0 \u00a0 PENSION DE SOBREVIVIENTES O SUSTITUCION PENSIONAL-Finalidad constitucional \u00a0 PENSION DE SOBREVIVIENTES O SUSTITUCION PENSIONAL-Beneficiarios\u00a0 \u00a0 Referencia: expediente T-3252274 \u00a0 Acci\u00f3n de tutela interpuesta por Esperanza Baena G\u00f3mez en contra de la Sala Laboral del Tribunal Superior de Manizales y el Juzgado 3\u00b0 Laboral del Circuito de ...<br \/><div class=\"pt-cv-rmwrap\"><a href=\"https:\/\/www.dmsjuridica.com\/buscador_20179478954\/corteconstitucionalcronologico202454587\/t-136-12\/\" class=\"_self pt-cv-readmore btn btn-success\" target=\"_self\">Ver Sentencia Completa...<\/a><\/div><\/div><\/div><\/div>\n<div class=\"col-md-12 col-sm-12 col-xs-12 pt-cv-content-item pt-cv-1-col\" ><div class='pt-cv-ifield'><a href=\"https:\/\/www.dmsjuridica.com\/buscador_20179478954\/corteconstitucionalcronologico202454587\/t-135-12\/\" class=\"_self pt-cv-href-thumbnail pt-cv-thumb-default\" target=\"_self\" ><\/a>\n<div class=\"pt-cv-taxoterm above_title\"><a href='https:\/\/www.dmsjuridica.com\/buscador_20179478954\/corteconstitucionalcronologico202454587\/category\/buscar-en-toda-la-corte\/2012\/tutelas-2012\/' title='Tutelas 2012' class='pt-cv-tax-tutelas-2012'>Tutelas 2012<\/a><\/div>\n<h4 class=\"pt-cv-title\"><a href=\"https:\/\/www.dmsjuridica.com\/buscador_20179478954\/corteconstitucionalcronologico202454587\/t-135-12\/\" class=\"_self\" target=\"_self\" >T-135-12<\/a><\/h4>\n<div class=\"pt-cv-content\">\u00a0 \u00a0 \u00a0 Sentencia T-135\/12 \u00a0 ACCION DE TUTELA CONTRA PROVIDENCIAS JUDICIALES-Procedencia excepcional\/ACCION DE TUTELA CONTRA PROVIDENCIAS JUDICIALES-Requisitos generales y especiales de procedibilidad\/ACCION DE TUTELA CONTRA PROVIDENCIAS JUDICIALES-Reiteraci\u00f3n de jurisprudencia sobre requisitos generales y especiales de procedibilidad \u00a0 DEFECTO SUSTANTIVO Y DEFECTO FACTICO-Reiteraci\u00f3n de jurisprudencia \u00a0 DEFECTO FACTICO-Concepto\/DEFECTO SUSTANTIVO-Concepto \u00a0 DESCONOCIMIENTO DEL PRECEDENTE JUDICIAL-Reiteraci\u00f3n de jurisprudencia\/DECISION JUDICIAL-Motivaci\u00f3n\/JUEZ-Obligaci\u00f3n de motivar las decisiones \u00a0 DA\u00d1O ANTIJURIDICO-Concepto \u00a0 RESPONSABILIDAD PATRIMONIAL DEL ESTADO POR DA\u00d1O ANTIJURIDICO-Alcance\/RESPONSABILIDAD PATRIMONIAL DEL ESTADO POR DA\u00d1O ANTIJURIDICO-Reparaci\u00f3n integral \u00a0 DESCONOCIMIENTO DEL PRECEDENTE EN LA TASACION DE LOS PERJUICIOS MORALES \u00a0 TASACION DE PERJUICIOS MORALES-Justificaci\u00f3n conforme a las sentencias del ...<br \/><div class=\"pt-cv-rmwrap\"><a href=\"https:\/\/www.dmsjuridica.com\/buscador_20179478954\/corteconstitucionalcronologico202454587\/t-135-12\/\" class=\"_self pt-cv-readmore btn btn-success\" target=\"_self\">Ver Sentencia Completa...<\/a><\/div><\/div><\/div><\/div>\n<div class=\"col-md-12 col-sm-12 col-xs-12 pt-cv-content-item pt-cv-1-col\" ><div class='pt-cv-ifield'><a href=\"https:\/\/www.dmsjuridica.com\/buscador_20179478954\/corteconstitucionalcronologico202454587\/t-134-12\/\" class=\"_self pt-cv-href-thumbnail pt-cv-thumb-default\" target=\"_self\" ><\/a>\n<div class=\"pt-cv-taxoterm above_title\"><a href='https:\/\/www.dmsjuridica.com\/buscador_20179478954\/corteconstitucionalcronologico202454587\/category\/buscar-en-toda-la-corte\/2012\/tutelas-2012\/' title='Tutelas 2012' class='pt-cv-tax-tutelas-2012'>Tutelas 2012<\/a><\/div>\n<h4 class=\"pt-cv-title\"><a href=\"https:\/\/www.dmsjuridica.com\/buscador_20179478954\/corteconstitucionalcronologico202454587\/t-134-12\/\" class=\"_self\" target=\"_self\" >T-134-12<\/a><\/h4>\n<div class=\"pt-cv-content\">\u00a0 \u00a0 Sentencia T-134\/12 \u00a0 \u00a0 \u00a0 \u00a0 \u00a0 ACCION DE TUTELA PARA EL RECONOCIMIENTO Y PAGO DE PENSION DE VEJEZ-Procedencia excepcional\u00a0 \u00a0 ADULTO MAYOR-Sujeto de especial protecci\u00f3n constitucional \u00a0 PERSONA DE LA TERCERA EDAD-Protecci\u00f3n Constitucional especial\/DERECHO A LA VIDA DIGNA DE PERSONA DE LA TERCERA EDAD-Protecci\u00f3n por tutela \u00a0 CUMPLIMIENTO SENTENCIAS EJECUTORIADAS-Reiteraci\u00f3n de jurisprudencia\u00a0 \u00a0 ACCION DE TUTELA PARA HACER CUMPLIR PROVIDENCIAS JUDICIALES EJECUTORIADAS-Reiteraci\u00f3n de jurisprudencia sobre Procedencia excepcional\u00a0 \u00a0 Respecto a la procedencia de la acci\u00f3n de tutela para exigir el cumplimiento de providencias judiciales ejecutoriadas, esta Corporaci\u00f3n ha establecido que, en principio, es el proceso ejecutivo la ...<br \/><div class=\"pt-cv-rmwrap\"><a href=\"https:\/\/www.dmsjuridica.com\/buscador_20179478954\/corteconstitucionalcronologico202454587\/t-134-12\/\" class=\"_self pt-cv-readmore btn btn-success\" target=\"_self\">Ver Sentencia Completa...<\/a><\/div><\/div><\/div><\/div>\n<div class=\"col-md-12 col-sm-12 col-xs-12 pt-cv-content-item pt-cv-1-col\" ><div class='pt-cv-ifield'><a href=\"https:\/\/www.dmsjuridica.com\/buscador_20179478954\/corteconstitucionalcronologico202454587\/t-131-12\/\" class=\"_self pt-cv-href-thumbnail pt-cv-thumb-default\" target=\"_self\" ><\/a>\n<div class=\"pt-cv-taxoterm above_title\"><a href='https:\/\/www.dmsjuridica.com\/buscador_20179478954\/corteconstitucionalcronologico202454587\/category\/buscar-en-toda-la-corte\/2012\/tutelas-2012\/' title='Tutelas 2012' class='pt-cv-tax-tutelas-2012'>Tutelas 2012<\/a><\/div>\n<h4 class=\"pt-cv-title\"><a href=\"https:\/\/www.dmsjuridica.com\/buscador_20179478954\/corteconstitucionalcronologico202454587\/t-131-12\/\" class=\"_self\" target=\"_self\" >T-131-12<\/a><\/h4>\n<div class=\"pt-cv-content\">\u00a0 \u00a0 Sentencia T-131\/12 \u00a0 ACCION DE TUTELA CONTRA PROVIDENCIAS JUDICIALES-Reiteraci\u00f3n de jurisprudencia \u00a0 DERECHO AL DEBIDO PROCESO EN MATERIA PENAL-Alcance\u00a0 \u00a0 DERECHO DE CONTRADICCION-Protecci\u00f3n constitucional\u00a0 \u00a0 PROCESO PENAL-Vinculaci\u00f3n del acusado como persona ausente \u00a0 DERECHO DE DEFENSA-Jurisprudencia constitucional \u00a0 JUZGAMIENTO EN AUSENCIA-Reiteraci\u00f3n de jurisprudencia\u00a0 \u00a0 DECLARATORIA DE PERSONA AUSENTE-Impone al defensor de oficio un especial grado de responsabilidad en la protecci\u00f3n de los derechos fundamentales del representado \u00a0 DEFENSA TECNICA-Implicaciones\u00a0 \u00a0 DERECHO A LA DEFENSA TECNICA-Elementos que concurren para la violaci\u00f3n del n\u00facleo esencial \u00a0 Dado que el derecho a la defensa t\u00e9cnica puede ejercerse de formas muy diversas, ...<br \/><div class=\"pt-cv-rmwrap\"><a href=\"https:\/\/www.dmsjuridica.com\/buscador_20179478954\/corteconstitucionalcronologico202454587\/t-131-12\/\" class=\"_self pt-cv-readmore btn btn-success\" target=\"_self\">Ver Sentencia Completa...<\/a><\/div><\/div><\/div><\/div>\n<div class=\"col-md-12 col-sm-12 col-xs-12 pt-cv-content-item pt-cv-1-col\" ><div class='pt-cv-ifield'><a href=\"https:\/\/www.dmsjuridica.com\/buscador_20179478954\/corteconstitucionalcronologico202454587\/t-130-12\/\" class=\"_self pt-cv-href-thumbnail pt-cv-thumb-default\" target=\"_self\" ><\/a>\n<div class=\"pt-cv-taxoterm above_title\"><a href='https:\/\/www.dmsjuridica.com\/buscador_20179478954\/corteconstitucionalcronologico202454587\/category\/buscar-en-toda-la-corte\/2012\/tutelas-2012\/' title='Tutelas 2012' class='pt-cv-tax-tutelas-2012'>Tutelas 2012<\/a><\/div>\n<h4 class=\"pt-cv-title\"><a href=\"https:\/\/www.dmsjuridica.com\/buscador_20179478954\/corteconstitucionalcronologico202454587\/t-130-12\/\" class=\"_self\" target=\"_self\" >T-130-12<\/a><\/h4>\n<div class=\"pt-cv-content\">\u00a0 \u00a0 Sentencia T-130\/12 \u00a0 CARENCIA ACTUAL DE OBJETO POR HECHO SUPERADO-Normalizaci\u00f3n de las redes el\u00e9ctricas en el lugar de residencia del actor y su hijo menor de edad \u00a0 Referencia: expediente T- 3241440 \u00a0 Acci\u00f3n de tutela instaurada por Juan Ram\u00f3n Terril Jim\u00e9nez, en representaci\u00f3n de su hijo Miguel \u00c1ngel Terril Cardona, contra el municipio de Turbaco y ELECTRICARIBE S.A. E.S.P. \u00a0 Magistrado Ponente: \u00a0 LUIS ERNESTO VARGAS SILVA\u00a0 \u00a0 Bogot\u00e1, D.C., veintiocho (28) de febrero de dos mil doce (2012) \u00a0 La Sala Novena de Revisi\u00f3n de la Corte Constitucional, integrada por los magistrados (a) Luis Ernesto Vargas ...<br \/><div class=\"pt-cv-rmwrap\"><a href=\"https:\/\/www.dmsjuridica.com\/buscador_20179478954\/corteconstitucionalcronologico202454587\/t-130-12\/\" class=\"_self pt-cv-readmore btn btn-success\" target=\"_self\">Ver Sentencia Completa...<\/a><\/div><\/div><\/div><\/div>\n<div class=\"col-md-12 col-sm-12 col-xs-12 pt-cv-content-item pt-cv-1-col\" ><div class='pt-cv-ifield'><a href=\"https:\/\/www.dmsjuridica.com\/buscador_20179478954\/corteconstitucionalcronologico202454587\/t-129-12\/\" class=\"_self pt-cv-href-thumbnail pt-cv-thumb-default\" target=\"_self\" ><\/a>\n<div class=\"pt-cv-taxoterm above_title\"><a href='https:\/\/www.dmsjuridica.com\/buscador_20179478954\/corteconstitucionalcronologico202454587\/category\/buscar-en-toda-la-corte\/2012\/tutelas-2012\/' title='Tutelas 2012' class='pt-cv-tax-tutelas-2012'>Tutelas 2012<\/a><\/div>\n<h4 class=\"pt-cv-title\"><a href=\"https:\/\/www.dmsjuridica.com\/buscador_20179478954\/corteconstitucionalcronologico202454587\/t-129-12\/\" class=\"_self\" target=\"_self\" >T-129-12<\/a><\/h4>\n<div class=\"pt-cv-content\">\u00a0 \u00a0 Sentencia T-129\/12 \u00a0 DESPLAZAMIENTO FORZADO INTERNO-Procedencia de la acci\u00f3n de tutela como mecanismo de protecci\u00f3n de los derechos fundamentales de la poblaci\u00f3n desplazada \u00a0 DESPLAZAMIENTO FORZADO POR LA VIOLENCIA-Condiciones para ser considerado como una persona en esa situaci\u00f3n \u00a0 DESPLAZAMIENTO FORZADO-Registro de las personas afectadas \u00a0 INSCRIPCION EN EL REGISTRO UNICO DE POBLACION DESPLAZADA-Casos en que resulta procedente\/INSCRIPCION EN EL REGISTRO UNICO DE POBLACION DESPLAZADA-Causales de exclusi\u00f3n \u00a0 Referencia: expediente T-3.256.073 \u00a0 Acci\u00f3n de Tutela instaurada por Juan Pablo Quiroz Quintero, contra la Agencia Presidencial para la Acci\u00f3n Social y la Cooperaci\u00f3n Internacional - Acci\u00f3n Social (hoy Unidad ...<br \/><div class=\"pt-cv-rmwrap\"><a href=\"https:\/\/www.dmsjuridica.com\/buscador_20179478954\/corteconstitucionalcronologico202454587\/t-129-12\/\" class=\"_self pt-cv-readmore btn btn-success\" target=\"_self\">Ver Sentencia Completa...<\/a><\/div><\/div><\/div><\/div>\n<div class=\"col-md-12 col-sm-12 col-xs-12 pt-cv-content-item pt-cv-1-col\" ><div class='pt-cv-ifield'><a href=\"https:\/\/www.dmsjuridica.com\/buscador_20179478954\/corteconstitucionalcronologico202454587\/t-128-12\/\" class=\"_self pt-cv-href-thumbnail pt-cv-thumb-default\" target=\"_self\" ><\/a>\n<div class=\"pt-cv-taxoterm above_title\"><a href='https:\/\/www.dmsjuridica.com\/buscador_20179478954\/corteconstitucionalcronologico202454587\/category\/buscar-en-toda-la-corte\/2012\/tutelas-2012\/' title='Tutelas 2012' class='pt-cv-tax-tutelas-2012'>Tutelas 2012<\/a><\/div>\n<h4 class=\"pt-cv-title\"><a href=\"https:\/\/www.dmsjuridica.com\/buscador_20179478954\/corteconstitucionalcronologico202454587\/t-128-12\/\" class=\"_self\" target=\"_self\" >T-128-12<\/a><\/h4>\n<div class=\"pt-cv-content\">\u00a0 \u00a0 Sentencia T-128\/12 \u00a0 ACCION DE TUTELA PARA EL RECONOCIMIENTO DE PENSIONES-Car\u00e1cter excepcional\u00a0 \u00a0 PENSION DE SOBREVIVIENTES EN EL SISTEMA DE RIESGOS PROFESIONALES-Requisitos y beneficiarios \u00a0 CALIFICACION DE LA MUERTE DEL AFILIADO-Reiteraci\u00f3n de jurisprudencia \u00a0 TRAMITES ADMINISTRATIVOS NO PUEDEN OBSTACULIZAR EL RECONOCIMIENTO DEL DERECHO A PENSION-Reiteraci\u00f3n jurisprudencial \u00a0 Referencia: expediente T-3234014 \u00a0 Acci\u00f3n de tutela instaurada por Mar\u00eda Zulma Vargas Casta\u00f1eda contra Positiva Compa\u00f1\u00eda de Seguros ARP y otro. \u00a0 Magistrado Ponente: \u00a0 LUIS ERNESTO VARGAS SILVA\u00a0 \u00a0 Bogot\u00e1, D.C., veinticuatro (24) de febrero de dos mil doce (2012) \u00a0 La Sala Novena de Revisi\u00f3n de la Corte Constitucional, ...<br \/><div class=\"pt-cv-rmwrap\"><a href=\"https:\/\/www.dmsjuridica.com\/buscador_20179478954\/corteconstitucionalcronologico202454587\/t-128-12\/\" class=\"_self pt-cv-readmore btn btn-success\" target=\"_self\">Ver Sentencia Completa...<\/a><\/div><\/div><\/div><\/div>\n<div class=\"col-md-12 col-sm-12 col-xs-12 pt-cv-content-item pt-cv-1-col\" ><div class='pt-cv-ifield'><a href=\"https:\/\/www.dmsjuridica.com\/buscador_20179478954\/corteconstitucionalcronologico202454587\/t-127-12\/\" class=\"_self pt-cv-href-thumbnail pt-cv-thumb-default\" target=\"_self\" ><\/a>\n<div class=\"pt-cv-taxoterm above_title\"><a href='https:\/\/www.dmsjuridica.com\/buscador_20179478954\/corteconstitucionalcronologico202454587\/category\/buscar-en-toda-la-corte\/2012\/tutelas-2012\/' title='Tutelas 2012' class='pt-cv-tax-tutelas-2012'>Tutelas 2012<\/a><\/div>\n<h4 class=\"pt-cv-title\"><a href=\"https:\/\/www.dmsjuridica.com\/buscador_20179478954\/corteconstitucionalcronologico202454587\/t-127-12\/\" class=\"_self\" target=\"_self\" >T-127-12<\/a><\/h4>\n<div class=\"pt-cv-content\">\u00a0 \u00a0 Sentencia T-127\/12 \u00a0 DERECHO A LA SEGURIDAD SOCIAL EN PENSIONES\u00a0 \u00a0 ACCION DE TUTELA PARA RECONOCIMIENTO Y PAGO DE DERECHOS PENSIONALES-Reiteraci\u00f3n de jurisprudencia sobre \u00a0procedencia excepcional \u00a0 INCONSTITUCIONALIDAD DEL REQUISITO DE FIDELIDAD CONSAGRADO EN EL ARTICULO 12 DE LA LEY 797\/03-Reiteraci\u00f3n de jurisprudencia \u00a0 Las salas de revisi\u00f3n de la Corte Constitucional se han pronunciado de forma coincidente respecto de los efectos de la mencionada decisi\u00f3n de control abstracto de constitucionalidad. En punto al requisito de fidelidad como presupuesto de acceso a la pensi\u00f3n de sobrevivientes, la Corte de forma reiterada ha precisado que sobre dicho requisito ha ...<br \/><div class=\"pt-cv-rmwrap\"><a href=\"https:\/\/www.dmsjuridica.com\/buscador_20179478954\/corteconstitucionalcronologico202454587\/t-127-12\/\" class=\"_self pt-cv-readmore btn btn-success\" target=\"_self\">Ver Sentencia Completa...<\/a><\/div><\/div><\/div><\/div>\n<div class=\"col-md-12 col-sm-12 col-xs-12 pt-cv-content-item pt-cv-1-col\" ><div class='pt-cv-ifield'><a href=\"https:\/\/www.dmsjuridica.com\/buscador_20179478954\/corteconstitucionalcronologico202454587\/t-126-12\/\" class=\"_self pt-cv-href-thumbnail pt-cv-thumb-default\" target=\"_self\" ><\/a>\n<div class=\"pt-cv-taxoterm above_title\"><a href='https:\/\/www.dmsjuridica.com\/buscador_20179478954\/corteconstitucionalcronologico202454587\/category\/buscar-en-toda-la-corte\/2012\/tutelas-2012\/' title='Tutelas 2012' class='pt-cv-tax-tutelas-2012'>Tutelas 2012<\/a><\/div>\n<h4 class=\"pt-cv-title\"><a href=\"https:\/\/www.dmsjuridica.com\/buscador_20179478954\/corteconstitucionalcronologico202454587\/t-126-12\/\" class=\"_self\" target=\"_self\" >T-126-12<\/a><\/h4>\n<div class=\"pt-cv-content\">\u00a0 \u00a0 Sentencia T-126\/12 \u00a0 DERECHO A LA ESTABILIDAD LABORAL REFORZADA DE MUJER EMBARAZADA-Fundamental\/DERECHO A LA ESTABILIDAD LABORAL REFORZADA DE MUJER EMBARAZADA-La ausencia de aviso sobre el estado de embarazo no habilita al empleador para desvincular a la mujer gestante\/FUERO DE MATERNIDAD-Opera independientemente del tipo de relaci\u00f3n laboral \u00a0 PRINCIPIO DE SOLIDARIDAD EN CASOS DE DESVINCULACION LABORAL DE MUJER EMBARAZADA-Aplicaci\u00f3n directa \u00a0 PROCESO CONCURSAL-Deberes y responsabilidad del liquidador\u00a0 \u00a0 DERECHO A LA ESTABILIDAD LABORAL REFORZADA DE MUJER EMBARAZADA-Orden a la Superintendencia de Sociedades para que a trav\u00e9s del liquidador de la empresa se reintegre a la demandante \u00a0 Esta Sala ...<br \/><div class=\"pt-cv-rmwrap\"><a href=\"https:\/\/www.dmsjuridica.com\/buscador_20179478954\/corteconstitucionalcronologico202454587\/t-126-12\/\" class=\"_self pt-cv-readmore btn btn-success\" target=\"_self\">Ver Sentencia Completa...<\/a><\/div><\/div><\/div><\/div>\n<div class=\"col-md-12 col-sm-12 col-xs-12 pt-cv-content-item pt-cv-1-col\" ><div class='pt-cv-ifield'><a href=\"https:\/\/www.dmsjuridica.com\/buscador_20179478954\/corteconstitucionalcronologico202454587\/t-125-12\/\" class=\"_self pt-cv-href-thumbnail pt-cv-thumb-default\" target=\"_self\" ><\/a>\n<div class=\"pt-cv-taxoterm above_title\"><a href='https:\/\/www.dmsjuridica.com\/buscador_20179478954\/corteconstitucionalcronologico202454587\/category\/buscar-en-toda-la-corte\/2012\/tutelas-2012\/' title='Tutelas 2012' class='pt-cv-tax-tutelas-2012'>Tutelas 2012<\/a><\/div>\n<h4 class=\"pt-cv-title\"><a href=\"https:\/\/www.dmsjuridica.com\/buscador_20179478954\/corteconstitucionalcronologico202454587\/t-125-12\/\" class=\"_self\" target=\"_self\" >T-125-12<\/a><\/h4>\n<div class=\"pt-cv-content\">\u00a0 \u00a0 Sentencia T-125\/12\u00a0 \u00a0 ACCION DE TUTELA CONTRA PROVIDENCIAS JUDICIALES-Reiteraci\u00f3n de jurisprudencia \u00a0 ACCION DE TUTELA CONTRA PROVIDENCIAS JUDICIALES-Requisitos generales y especiales de procedibilidad \u00a0 ACCION DE TUTELA CONTRA PROVIDENCIAS JUDICIALES-Procedencia por defecto sustantivo o material \u00a0 INTERPOSICION DEL RECURSO DE CASACION-Caso en que el accionante alega falta de defensa t\u00e9cnica y se vio obligado a gestionar el desarchive del proceso \u00a0 Alega el accionante falta de defensa t\u00e9cnica como \u00a0fundamento para no haber interpuesto el mencionado recurso y solicitar el amparo constitucional. Este argumento se encuentra probado en la revocatoria del poder a los abogados que lo representaban ...<br \/><div class=\"pt-cv-rmwrap\"><a href=\"https:\/\/www.dmsjuridica.com\/buscador_20179478954\/corteconstitucionalcronologico202454587\/t-125-12\/\" class=\"_self pt-cv-readmore btn btn-success\" target=\"_self\">Ver Sentencia Completa...<\/a><\/div><\/div><\/div><\/div>\n<div class=\"col-md-12 col-sm-12 col-xs-12 pt-cv-content-item pt-cv-1-col\" ><div class='pt-cv-ifield'><a href=\"https:\/\/www.dmsjuridica.com\/buscador_20179478954\/corteconstitucionalcronologico202454587\/t-124-12\/\" class=\"_self pt-cv-href-thumbnail pt-cv-thumb-default\" target=\"_self\" ><\/a>\n<div class=\"pt-cv-taxoterm above_title\"><a href='https:\/\/www.dmsjuridica.com\/buscador_20179478954\/corteconstitucionalcronologico202454587\/category\/buscar-en-toda-la-corte\/2012\/tutelas-2012\/' title='Tutelas 2012' class='pt-cv-tax-tutelas-2012'>Tutelas 2012<\/a><\/div>\n<h4 class=\"pt-cv-title\"><a href=\"https:\/\/www.dmsjuridica.com\/buscador_20179478954\/corteconstitucionalcronologico202454587\/t-124-12\/\" class=\"_self\" target=\"_self\" >T-124-12<\/a><\/h4>\n<div class=\"pt-cv-content\">\u00a0 \u00a0 Sentencia T-124\/12 \u00a0 DERECHO A LA PENSION DE SOBREVIVIENTES Y A LA SUSTITUCION PENSIONAL-Naturaleza jur\u00eddica y funci\u00f3n \u00a0 Es innegable la importancia y la finalidad que como derechos fundamentales tienen la pensi\u00f3n de sobrevivientes y la sustituci\u00f3n pensional, pues \u00e9stas buscan lograr a favor de los beneficiarios, un trato digno y justo, mediante la sustituci\u00f3n de la ausencia del apoyo econ\u00f3mico que deja el familiar muerto. Ahora bien, estos derechos tienen una protecci\u00f3n reforzada cuando se trata de personas que padecen alg\u00fan tipo de invalidez y cuando se presenten circunstancias que amenacen con dejarlas en estado de desamparo ...<br \/><div class=\"pt-cv-rmwrap\"><a href=\"https:\/\/www.dmsjuridica.com\/buscador_20179478954\/corteconstitucionalcronologico202454587\/t-124-12\/\" class=\"_self pt-cv-readmore btn btn-success\" target=\"_self\">Ver Sentencia Completa...<\/a><\/div><\/div><\/div><\/div>\n<div class=\"col-md-12 col-sm-12 col-xs-12 pt-cv-content-item pt-cv-1-col\" ><div class='pt-cv-ifield'><a href=\"https:\/\/www.dmsjuridica.com\/buscador_20179478954\/corteconstitucionalcronologico202454587\/t-120-12\/\" class=\"_self pt-cv-href-thumbnail pt-cv-thumb-default\" target=\"_self\" ><\/a>\n<div class=\"pt-cv-taxoterm above_title\"><a href='https:\/\/www.dmsjuridica.com\/buscador_20179478954\/corteconstitucionalcronologico202454587\/category\/buscar-en-toda-la-corte\/2012\/tutelas-2012\/' title='Tutelas 2012' class='pt-cv-tax-tutelas-2012'>Tutelas 2012<\/a><\/div>\n<h4 class=\"pt-cv-title\"><a href=\"https:\/\/www.dmsjuridica.com\/buscador_20179478954\/corteconstitucionalcronologico202454587\/t-120-12\/\" class=\"_self\" target=\"_self\" >T-120-12<\/a><\/h4>\n<div class=\"pt-cv-content\">\u00a0 \u00a0 Sentencia T-120\/12\u00a0 \u00a0 ACCION DE TUTELA PARA LIMITAR LA FACULTAD DE LA ADMINISTRACION DE DEMANDAR EN ACCION DE LESIVIDAD \u00a0 APLICACION DEL FENOMENO DE PERDIDA DE FUERZA EJECUTORIA FRENTE A UN DECRETO PRESIDENCIAL \u00a0 FONDO DE PREVISION SOCIAL DEL CONGRESO DE LA REPUBLICA-Acude a la jurisdicci\u00f3n con el fin que se estudie la legalidad del porcentaje que reconoci\u00f3 a los ahora demandantes a t\u00edtulo de reajuste especial por ser exparlamentarios pensionados antes de la Ley 4 de 1992 \u00a0 ACCION DE TUTELA-Procedencia excepcional para reclamar el reajuste adecuado de la mesada pensional\/PRINCIPIO DE SUBSIDIARIEDAD DE LA ACCION DE ...<br \/><div class=\"pt-cv-rmwrap\"><a href=\"https:\/\/www.dmsjuridica.com\/buscador_20179478954\/corteconstitucionalcronologico202454587\/t-120-12\/\" class=\"_self pt-cv-readmore btn btn-success\" target=\"_self\">Ver Sentencia Completa...<\/a><\/div><\/div><\/div><\/div>\n<div class=\"col-md-12 col-sm-12 col-xs-12 pt-cv-content-item pt-cv-1-col\" ><div class='pt-cv-ifield'><a href=\"https:\/\/www.dmsjuridica.com\/buscador_20179478954\/corteconstitucionalcronologico202454587\/t-119-12\/\" class=\"_self pt-cv-href-thumbnail pt-cv-thumb-default\" target=\"_self\" ><\/a>\n<div class=\"pt-cv-taxoterm above_title\"><a href='https:\/\/www.dmsjuridica.com\/buscador_20179478954\/corteconstitucionalcronologico202454587\/category\/buscar-en-toda-la-corte\/2012\/tutelas-2012\/' title='Tutelas 2012' class='pt-cv-tax-tutelas-2012'>Tutelas 2012<\/a><\/div>\n<h4 class=\"pt-cv-title\"><a href=\"https:\/\/www.dmsjuridica.com\/buscador_20179478954\/corteconstitucionalcronologico202454587\/t-119-12\/\" class=\"_self\" target=\"_self\" >T-119-12<\/a><\/h4>\n<div class=\"pt-cv-content\">\u00a0 \u00a0 Sentencia T-119\/12 \u00a0 LANZAMIENTO POR OCUPACION DE HECHO Y PROTECCION DE DERECHOS FUNDAMENTALES DE POBLACION DESPLAZADA-Suspensi\u00f3n de diligencias \u00a0 LEGITIMACION POR ACTIVA EN TUTELA-Defensor Regional del Pueblo en representaci\u00f3n de comunidad ubicada en una invasi\u00f3n\/REQUISITOS PARA EJERCER LA AGENCIA OFICIOSA-Reiteraci\u00f3n de jurisprudencia \u00a0 DERECHOS DE LA POBLACION DESPLAZADA EN MATERIA DE DESALOJO FORZOSO \u00a0 De la jurisprudencia de la Corporaci\u00f3n construida en escenarios constitucionales semejantes al que se aborda en esta oportunidad, es posible extraer las siguientes conclusiones: existe jurisprudencia constante, uniforme y reiterada por distintas salas de revisi\u00f3n en el sentido de que (i) la tutela es ...<br \/><div class=\"pt-cv-rmwrap\"><a href=\"https:\/\/www.dmsjuridica.com\/buscador_20179478954\/corteconstitucionalcronologico202454587\/t-119-12\/\" class=\"_self pt-cv-readmore btn btn-success\" target=\"_self\">Ver Sentencia Completa...<\/a><\/div><\/div><\/div><\/div>\n<div class=\"col-md-12 col-sm-12 col-xs-12 pt-cv-content-item pt-cv-1-col\" ><div class='pt-cv-ifield'><a href=\"https:\/\/www.dmsjuridica.com\/buscador_20179478954\/corteconstitucionalcronologico202454587\/t-118-12\/\" class=\"_self pt-cv-href-thumbnail pt-cv-thumb-default\" target=\"_self\" ><\/a>\n<div class=\"pt-cv-taxoterm above_title\"><a href='https:\/\/www.dmsjuridica.com\/buscador_20179478954\/corteconstitucionalcronologico202454587\/category\/buscar-en-toda-la-corte\/2012\/tutelas-2012\/' title='Tutelas 2012' class='pt-cv-tax-tutelas-2012'>Tutelas 2012<\/a><\/div>\n<h4 class=\"pt-cv-title\"><a href=\"https:\/\/www.dmsjuridica.com\/buscador_20179478954\/corteconstitucionalcronologico202454587\/t-118-12\/\" class=\"_self\" target=\"_self\" >T-118-12<\/a><\/h4>\n<div class=\"pt-cv-content\">\u00a0 \u00a0 Sentencia T-118\/12 \u00a0 ACCION DE TUTELA CONTRA PROVIDENCIAS JUDICIALES-Caso en que se neg\u00f3 a la demandada en proceso de restituci\u00f3n de inmueble arrendado posibilidad de ser o\u00edda por el no pago de los c\u00e1nones de arrendamiento\/PROCESO DE RESTITUCION DE INMUEBLE ARRENDADO-Caso en que se neg\u00f3 a la demandada en proceso de restituci\u00f3n de inmueble arrendado posibilidad de ser o\u00edda por el no pago de los c\u00e1nones de arrendamiento\u00a0 \u00a0 ACCION DE TUTELA CONTRA PROVIDENCIAS JUDICIALES-Reiteraci\u00f3n de jurisprudencia \u00a0 CONSTITUCIONALIDAD DE LAS CARGAS PROCESALES QUE LIMITAN EL DERECHO DE DEFENSA DE LOS ARRENDATARIOS DEMANDADOS EN PROCESOS DE RESTITUCION DE ...<br \/><div class=\"pt-cv-rmwrap\"><a href=\"https:\/\/www.dmsjuridica.com\/buscador_20179478954\/corteconstitucionalcronologico202454587\/t-118-12\/\" class=\"_self pt-cv-readmore btn btn-success\" target=\"_self\">Ver Sentencia Completa...<\/a><\/div><\/div><\/div><\/div>\n<div class=\"col-md-12 col-sm-12 col-xs-12 pt-cv-content-item pt-cv-1-col\" ><div class='pt-cv-ifield'><a href=\"https:\/\/www.dmsjuridica.com\/buscador_20179478954\/corteconstitucionalcronologico202454587\/t-117-12\/\" class=\"_self pt-cv-href-thumbnail pt-cv-thumb-default\" target=\"_self\" ><\/a>\n<div class=\"pt-cv-taxoterm above_title\"><a href='https:\/\/www.dmsjuridica.com\/buscador_20179478954\/corteconstitucionalcronologico202454587\/category\/buscar-en-toda-la-corte\/2012\/tutelas-2012\/' title='Tutelas 2012' class='pt-cv-tax-tutelas-2012'>Tutelas 2012<\/a><\/div>\n<h4 class=\"pt-cv-title\"><a href=\"https:\/\/www.dmsjuridica.com\/buscador_20179478954\/corteconstitucionalcronologico202454587\/t-117-12\/\" class=\"_self\" target=\"_self\" >T-117-12<\/a><\/h4>\n<div class=\"pt-cv-content\">\u00a0 \u00a0 Sentencia T-117\/12 \u00a0 ACCION DE TUTELA CONTRA ICBF-Caso en que se debe determinar si se desconocieron derechos fundamentales de menores de edad en los tr\u00e1mites de restablecimiento de derechos\/ACCION DE TUTELA CONTRA ICBF Y EXISTENCIA DE OTRO MECANISMO DE DEFENSA JUDICIAL-Caso en que es id\u00f3neo y adecuado en virtud de las circunstancias del caso concreto \u00a0 HOMOLOGACION DE DECISIONES DE DEFENSORES DE FAMILIA-Control judicial de legalidad de decisiones administrativas\/HOMOLOGACION DEL FALLO ANTE EL JUEZ DE FAMILIA\/HOMOLOGACION DE DECISIONES DE DEFENSORES DE FAMILIA-Ampliaci\u00f3n de la protecci\u00f3n especial de los ni\u00f1os, ni\u00f1as y adolescentes \u00a0 Los funcionarios que intervinieron en ...<br \/><div class=\"pt-cv-rmwrap\"><a href=\"https:\/\/www.dmsjuridica.com\/buscador_20179478954\/corteconstitucionalcronologico202454587\/t-117-12\/\" class=\"_self pt-cv-readmore btn btn-success\" target=\"_self\">Ver Sentencia Completa...<\/a><\/div><\/div><\/div><\/div>\n<div class=\"col-md-12 col-sm-12 col-xs-12 pt-cv-content-item pt-cv-1-col\" ><div class='pt-cv-ifield'><a href=\"https:\/\/www.dmsjuridica.com\/buscador_20179478954\/corteconstitucionalcronologico202454587\/t-113-12\/\" class=\"_self pt-cv-href-thumbnail pt-cv-thumb-default\" target=\"_self\" ><\/a>\n<div class=\"pt-cv-taxoterm above_title\"><a href='https:\/\/www.dmsjuridica.com\/buscador_20179478954\/corteconstitucionalcronologico202454587\/category\/buscar-en-toda-la-corte\/2012\/tutelas-2012\/' title='Tutelas 2012' class='pt-cv-tax-tutelas-2012'>Tutelas 2012<\/a><\/div>\n<h4 class=\"pt-cv-title\"><a href=\"https:\/\/www.dmsjuridica.com\/buscador_20179478954\/corteconstitucionalcronologico202454587\/t-113-12\/\" class=\"_self\" target=\"_self\" >T-113-12<\/a><\/h4>\n<div class=\"pt-cv-content\">\u00a0 \u00a0 Sentencia T-113\/12 \u00a0 ACCION DE TUTELA CONTRA PROVIDENCIAS JUDICIALES- Reiteraci\u00f3n de jurisprudencia sobre procedencia excepcional \u00a0 ACCION DE TUTELA CONTRA PROVIDENCIAS JUDICIALES-Requisitos generales de procedibilidad \u00a0 DEFECTO PROCEDIMENTAL POR EXCESO RITUAL MANIFIESTO\/PRINCIPIO DE PREVALENCIA DEL DERECHO SUSTANCIAL SOBRE LAS FORMAS-Reiteraci\u00f3n de jurisprudencia\u00a0 \u00a0 LEY 1395\/10-A partir de su entrada en vigencia las copias de \u00a0documentos privados se presumen aut\u00e9nticas siempre que sean aportadas a un proceso judicial por la persona que los haya manuscrito, firmado o elaborado y no provengan de un tercero \u00a0 Se advierte que a partir de la expedici\u00f3n de la Ley 1395 de 2010 ...<br \/><div class=\"pt-cv-rmwrap\"><a href=\"https:\/\/www.dmsjuridica.com\/buscador_20179478954\/corteconstitucionalcronologico202454587\/t-113-12\/\" class=\"_self pt-cv-readmore btn btn-success\" target=\"_self\">Ver Sentencia Completa...<\/a><\/div><\/div><\/div><\/div>\n<div class=\"col-md-12 col-sm-12 col-xs-12 pt-cv-content-item pt-cv-1-col\" ><div class='pt-cv-ifield'><a href=\"https:\/\/www.dmsjuridica.com\/buscador_20179478954\/corteconstitucionalcronologico202454587\/t-112-12\/\" class=\"_self pt-cv-href-thumbnail pt-cv-thumb-default\" target=\"_self\" ><\/a>\n<div class=\"pt-cv-taxoterm above_title\"><a href='https:\/\/www.dmsjuridica.com\/buscador_20179478954\/corteconstitucionalcronologico202454587\/category\/buscar-en-toda-la-corte\/2012\/tutelas-2012\/' title='Tutelas 2012' class='pt-cv-tax-tutelas-2012'>Tutelas 2012<\/a><\/div>\n<h4 class=\"pt-cv-title\"><a href=\"https:\/\/www.dmsjuridica.com\/buscador_20179478954\/corteconstitucionalcronologico202454587\/t-112-12\/\" class=\"_self\" target=\"_self\" >T-112-12<\/a><\/h4>\n<div class=\"pt-cv-content\">\u00a0 \u00a0 Sentencia T-112\/12 \u00a0 ACCION DE TUTELA CONTRA PROVIDENCIAS JUDICIALES-Procedencia excepcional y subsidiaria\/DESCONOCIMIENTO DEL PRECEDENTE Y DEFECTOS SUSTANTIVOS Y FACTICOS \u00a0 DERECHO A LA SEGURIDAD SOCIAL EN PENSIONES\/ DERECHOS ADQUIRIDOS-Desconocimiento\/DESCONOCIMIENTO DE PRINCIPIOS CONSTITUCIONALES DE IRRENUNCIABILIDAD Y FAVORABILIDAD EN MATERIA PENSIONAL Y AFECTACION DEL DEBIDO PROCESO \u00a0 \u00a0 \u00a0 DESCONOCIMIENTO DEL PRECEDENTE COMO CAUSAL ESPECIFICA DE PROCEDIBILIDAD DE LA ACCION DE TUTELA CONTRA PROVIDENCIAS JUDICIALES-Reiteraci\u00f3n de jurisprudencia \u00a0 El juez est\u00e1 vinculado por las decisiones proferidas por los \u00f3rganos de cierre de las respectivas jurisdicciones (ordinaria, contencioso administrativa y constitucional), cuya observancia no constituye una mera facultad discrecional, sino que ...<br \/><div class=\"pt-cv-rmwrap\"><a href=\"https:\/\/www.dmsjuridica.com\/buscador_20179478954\/corteconstitucionalcronologico202454587\/t-112-12\/\" class=\"_self pt-cv-readmore btn btn-success\" target=\"_self\">Ver Sentencia Completa...<\/a><\/div><\/div><\/div><\/div>\n<div class=\"col-md-12 col-sm-12 col-xs-12 pt-cv-content-item pt-cv-1-col\" ><div class='pt-cv-ifield'><a href=\"https:\/\/www.dmsjuridica.com\/buscador_20179478954\/corteconstitucionalcronologico202454587\/t-111-12\/\" class=\"_self pt-cv-href-thumbnail pt-cv-thumb-default\" target=\"_self\" ><\/a>\n<div class=\"pt-cv-taxoterm above_title\"><a href='https:\/\/www.dmsjuridica.com\/buscador_20179478954\/corteconstitucionalcronologico202454587\/category\/buscar-en-toda-la-corte\/2012\/tutelas-2012\/' title='Tutelas 2012' class='pt-cv-tax-tutelas-2012'>Tutelas 2012<\/a><\/div>\n<h4 class=\"pt-cv-title\"><a href=\"https:\/\/www.dmsjuridica.com\/buscador_20179478954\/corteconstitucionalcronologico202454587\/t-111-12\/\" class=\"_self\" target=\"_self\" >T-111-12<\/a><\/h4>\n<div class=\"pt-cv-content\">\u00a0 \u00a0 Sentencia T-111\/12 \u00a0 PERJUICIO IRREMEDIABLE-Caracter\u00edsticas \u00a0 A prop\u00f3sito del perjuicio irremediable, se ha sostenido por la Corte que se caracteriza por ser un perjuicio (i) inminente, es decir, por estar pr\u00f3ximo a ocurrir; (ii) grave, por da\u00f1ar o menoscabar material o moralmente el haber jur\u00eddico de la persona en un grado relevante; (iii) que requiera medidas urgentes para conjurarlo; y (iv) que la acci\u00f3n de tutela sea impostergable a fin de garantizar el adecuado restablecimiento del orden social justo en toda su integridad. \u00a0 ACCION DE TUTELA FRENTE A CONTROVERSIAS LABORALES-Reiteraci\u00f3n de jurisprudencia sobre procedencia \u00a0 CONTRATO DE ...<br \/><div class=\"pt-cv-rmwrap\"><a href=\"https:\/\/www.dmsjuridica.com\/buscador_20179478954\/corteconstitucionalcronologico202454587\/t-111-12\/\" class=\"_self pt-cv-readmore btn btn-success\" target=\"_self\">Ver Sentencia Completa...<\/a><\/div><\/div><\/div><\/div>\n<div class=\"col-md-12 col-sm-12 col-xs-12 pt-cv-content-item pt-cv-1-col\" ><div class='pt-cv-ifield'><a href=\"https:\/\/www.dmsjuridica.com\/buscador_20179478954\/corteconstitucionalcronologico202454587\/t-110-12\/\" class=\"_self pt-cv-href-thumbnail pt-cv-thumb-default\" target=\"_self\" ><\/a>\n<div class=\"pt-cv-taxoterm above_title\"><a href='https:\/\/www.dmsjuridica.com\/buscador_20179478954\/corteconstitucionalcronologico202454587\/category\/buscar-en-toda-la-corte\/2012\/tutelas-2012\/' title='Tutelas 2012' class='pt-cv-tax-tutelas-2012'>Tutelas 2012<\/a><\/div>\n<h4 class=\"pt-cv-title\"><a href=\"https:\/\/www.dmsjuridica.com\/buscador_20179478954\/corteconstitucionalcronologico202454587\/t-110-12\/\" class=\"_self\" target=\"_self\" >T-110-12<\/a><\/h4>\n<div class=\"pt-cv-content\">\u00a0 \u00a0 Sentencia T-110\/12 \u00a0 SISTEMA DE SEGURIDAD SOCIAL EN SALUD-derecho de los usuarios a acceder a los servicios de salud que requieran, est\u00e9n o no incluidos en el POS \u00a0 DERECHO A LA CONTINUIDAD EN LA PRESTACION DE SERVICIOS DE SALUD \u00a0 SISTEMA DE SEGURIDAD SOCIAL EN SALUD-Derecho de los usuarios a que se realicen pruebas y ex\u00e1menes diagn\u00f3sticos necesarios para determinar si un servicio es requerido o no \u00a0 DERECHO FUNDAMENTAL A LA SALUD DE NI\u00d1OS Y NI\u00d1AS\/DERECHO FUNDAMENTAL A LA SALUD DE PERSONA DE LA TERCERA EDAD \u00a0 Referencia: expedientes T-3214326, T-3216967, T-3217219, T-3218565, T-3224106, y T-3231354 ...<br \/><div class=\"pt-cv-rmwrap\"><a href=\"https:\/\/www.dmsjuridica.com\/buscador_20179478954\/corteconstitucionalcronologico202454587\/t-110-12\/\" class=\"_self pt-cv-readmore btn btn-success\" target=\"_self\">Ver Sentencia Completa...<\/a><\/div><\/div><\/div><\/div>\n<div class=\"col-md-12 col-sm-12 col-xs-12 pt-cv-content-item pt-cv-1-col\" ><div class='pt-cv-ifield'><a href=\"https:\/\/www.dmsjuridica.com\/buscador_20179478954\/corteconstitucionalcronologico202454587\/t-1097-12\/\" class=\"_self pt-cv-href-thumbnail pt-cv-thumb-default\" target=\"_self\" ><\/a>\n<div class=\"pt-cv-taxoterm above_title\"><a href='https:\/\/www.dmsjuridica.com\/buscador_20179478954\/corteconstitucionalcronologico202454587\/category\/buscar-en-toda-la-corte\/2012\/tutelas-2012\/' title='Tutelas 2012' class='pt-cv-tax-tutelas-2012'>Tutelas 2012<\/a><\/div>\n<h4 class=\"pt-cv-title\"><a href=\"https:\/\/www.dmsjuridica.com\/buscador_20179478954\/corteconstitucionalcronologico202454587\/t-1097-12\/\" class=\"_self\" target=\"_self\" >T-1097-12<\/a><\/h4>\n<div class=\"pt-cv-content\">\u00a0 \u00a0 \u00a0 \u00a0 Sentencia T-1097\/12 \u00a0 ACCION DE TUTELA FRENTE A ORGANISMOS INTERNACIONALES CON INMUNIDAD Y PRIVILEGIOS RECONOCIDOS POR EL DERECHO INTERNACIONAL-Procedencia \u00a0 \u00a0 \u00a0 PRINCIPIO DE INMUNIDAD RESTRINGIDA DE ORGANISMOS INTERNACIONALES EN MATERIA LABORAL-No es absoluto \u00a0 \u00a0 \u00a0 PRINCIPIO DE INMUNIDAD-Regla de derecho internacional p\u00fablico \u00a0 \u00a0 \u00a0 PRINCIPIO DE INMUNIDAD DE JURISDICCION-Elementos \u00a0 \u00a0 \u00a0 ESTADOS Y AGENCIAS INTERNACIONALES HUESPEDES EN COLOMBIA-Privilegios e inmunidades\/PRINCIPIO DE INMUNIDAD DE JURISDICCION-No es absoluto \u00a0 \u00a0 \u00a0 ESTABILIDAD LABORAL REFORZADA Y PRESTACION DE SERVICIOS EN MISION DIPLOMATICA U ORGANISMO INTERNACIONAL-Procedencia de la acci\u00f3n de tutela \u00a0 \u00a0 \u00a0 PROTECCION A ...<br \/><div class=\"pt-cv-rmwrap\"><a href=\"https:\/\/www.dmsjuridica.com\/buscador_20179478954\/corteconstitucionalcronologico202454587\/t-1097-12\/\" class=\"_self pt-cv-readmore btn btn-success\" target=\"_self\">Ver Sentencia Completa...<\/a><\/div><\/div><\/div><\/div>\n<div class=\"col-md-12 col-sm-12 col-xs-12 pt-cv-content-item pt-cv-1-col\" ><div class='pt-cv-ifield'><a href=\"https:\/\/www.dmsjuridica.com\/buscador_20179478954\/corteconstitucionalcronologico202454587\/t-1096-12\/\" class=\"_self pt-cv-href-thumbnail pt-cv-thumb-default\" target=\"_self\" ><\/a>\n<div class=\"pt-cv-taxoterm above_title\"><a href='https:\/\/www.dmsjuridica.com\/buscador_20179478954\/corteconstitucionalcronologico202454587\/category\/buscar-en-toda-la-corte\/2012\/tutelas-2012\/' title='Tutelas 2012' class='pt-cv-tax-tutelas-2012'>Tutelas 2012<\/a><\/div>\n<h4 class=\"pt-cv-title\"><a href=\"https:\/\/www.dmsjuridica.com\/buscador_20179478954\/corteconstitucionalcronologico202454587\/t-1096-12\/\" class=\"_self\" target=\"_self\" >T-1096-12<\/a><\/h4>\n<div class=\"pt-cv-content\">ACCION DE TUTELA CONTRA PROVIDENCIAS JUDICIALES-Requisitos generales y especiales de procedibilidad \u00a0 DESCONOCIMIENTO DEL PRECEDENTE CONSTITUCIONAL-Caracterizaci\u00f3n \u00a0 DEFECTO SUSTANTIVO-Interpretaci\u00f3n irrazonable de las disposiciones jur\u00eddicas \u00a0 Esta Corporaci\u00f3n ha caracterizado este defecto como la existencia de una falencia o yerro en una providencia judicial, originada en el proceso de interpretaci\u00f3n y aplicaci\u00f3n de las disposiciones jur\u00eddicas al caso sometido al conocimiento del juez. Para que el defecto d\u00e9 lugar a la procedencia de la acci\u00f3n de tutela, debe tratarse de una irregularidad de alta trascendencia, que lleve a la emisi\u00f3n de un fallo que obstaculice o lesione la efectividad de los ...<br \/><div class=\"pt-cv-rmwrap\"><a href=\"https:\/\/www.dmsjuridica.com\/buscador_20179478954\/corteconstitucionalcronologico202454587\/t-1096-12\/\" class=\"_self pt-cv-readmore btn btn-success\" target=\"_self\">Ver Sentencia Completa...<\/a><\/div><\/div><\/div><\/div>\n<div class=\"col-md-12 col-sm-12 col-xs-12 pt-cv-content-item pt-cv-1-col\" ><div class='pt-cv-ifield'><a href=\"https:\/\/www.dmsjuridica.com\/buscador_20179478954\/corteconstitucionalcronologico202454587\/t-1095-12\/\" class=\"_self pt-cv-href-thumbnail pt-cv-thumb-default\" target=\"_self\" ><\/a>\n<div class=\"pt-cv-taxoterm above_title\"><a href='https:\/\/www.dmsjuridica.com\/buscador_20179478954\/corteconstitucionalcronologico202454587\/category\/buscar-en-toda-la-corte\/2012\/tutelas-2012\/' title='Tutelas 2012' class='pt-cv-tax-tutelas-2012'>Tutelas 2012<\/a><\/div>\n<h4 class=\"pt-cv-title\"><a href=\"https:\/\/www.dmsjuridica.com\/buscador_20179478954\/corteconstitucionalcronologico202454587\/t-1095-12\/\" class=\"_self\" target=\"_self\" >T-1095-12<\/a><\/h4>\n<div class=\"pt-cv-content\">\u00a0 \u00a0 Sentencia T-1095\/12 \u00a0 ACCION DE TUTELA CONTRA PROVIDENCIAS JUDICIALES-Requisitos generales y especiales de procedibilidad \u00a0 DESCONOCIMIENTO DEL PRECEDENTE CONSTITUCIONAL-Caracterizaci\u00f3n \u00a0 DEFECTO SUSTANTIVO-Interpretaci\u00f3n irrazonable de las disposiciones jur\u00eddicas \u00a0 Esta Corporaci\u00f3n ha caracterizado este defecto como la existencia de una falencia o yerro en una providencia judicial, originada en el proceso de interpretaci\u00f3n y aplicaci\u00f3n de las disposiciones jur\u00eddicas al caso sometido al conocimiento del juez. Para que el defecto d\u00e9 lugar a la procedencia de la acci\u00f3n de tutela, debe tratarse de una irregularidad de alta trascendencia, que lleve a la emisi\u00f3n de un fallo que obstaculice o ...<br \/><div class=\"pt-cv-rmwrap\"><a href=\"https:\/\/www.dmsjuridica.com\/buscador_20179478954\/corteconstitucionalcronologico202454587\/t-1095-12\/\" class=\"_self pt-cv-readmore btn btn-success\" target=\"_self\">Ver Sentencia Completa...<\/a><\/div><\/div><\/div><\/div>\n<div class=\"col-md-12 col-sm-12 col-xs-12 pt-cv-content-item pt-cv-1-col\" ><div class='pt-cv-ifield'><a href=\"https:\/\/www.dmsjuridica.com\/buscador_20179478954\/corteconstitucionalcronologico202454587\/t-1094-12\/\" class=\"_self pt-cv-href-thumbnail pt-cv-thumb-default\" target=\"_self\" ><\/a>\n<div class=\"pt-cv-taxoterm above_title\"><a href='https:\/\/www.dmsjuridica.com\/buscador_20179478954\/corteconstitucionalcronologico202454587\/category\/buscar-en-toda-la-corte\/2012\/tutelas-2012\/' title='Tutelas 2012' class='pt-cv-tax-tutelas-2012'>Tutelas 2012<\/a><\/div>\n<h4 class=\"pt-cv-title\"><a href=\"https:\/\/www.dmsjuridica.com\/buscador_20179478954\/corteconstitucionalcronologico202454587\/t-1094-12\/\" class=\"_self\" target=\"_self\" >T-1094-12<\/a><\/h4>\n<div class=\"pt-cv-content\">\u00a0 \u00a0 Sentencia T-1094\/12 \u00a0 DERECHO A LA VIVIENDA DIGNA-Naturaleza jur\u00eddica y alcance \u00a0 Con respecto a la naturaleza jur\u00eddica del derecho a la vivienda digna, para esta corporaci\u00f3n es indiscutible su car\u00e1cter subjetivo, fundamental y exigible, por cuanto en el Estado colombiano no solo es derecho fundamental aqu\u00e9l expresamente rese\u00f1ado como tal dentro de la carta pol\u00edtica, sino tambi\u00e9n aquellos que puedan adscribirse a normas constitucionales en las que se valoran determinados bienes jur\u00eddicos como elementos merecedores de protecci\u00f3n especial. De acuerdo con ello, la vivienda digna se constituye en elemento trascendental para la efectividad de la dignidad humana, ...<br \/><div class=\"pt-cv-rmwrap\"><a href=\"https:\/\/www.dmsjuridica.com\/buscador_20179478954\/corteconstitucionalcronologico202454587\/t-1094-12\/\" class=\"_self pt-cv-readmore btn btn-success\" target=\"_self\">Ver Sentencia Completa...<\/a><\/div><\/div><\/div><\/div>\n<div class=\"col-md-12 col-sm-12 col-xs-12 pt-cv-content-item pt-cv-1-col\" ><div class='pt-cv-ifield'><a href=\"https:\/\/www.dmsjuridica.com\/buscador_20179478954\/corteconstitucionalcronologico202454587\/t-1093-12\/\" class=\"_self pt-cv-href-thumbnail pt-cv-thumb-default\" target=\"_self\" ><\/a>\n<div class=\"pt-cv-taxoterm above_title\"><a href='https:\/\/www.dmsjuridica.com\/buscador_20179478954\/corteconstitucionalcronologico202454587\/category\/buscar-en-toda-la-corte\/2012\/tutelas-2012\/' title='Tutelas 2012' class='pt-cv-tax-tutelas-2012'>Tutelas 2012<\/a><\/div>\n<h4 class=\"pt-cv-title\"><a href=\"https:\/\/www.dmsjuridica.com\/buscador_20179478954\/corteconstitucionalcronologico202454587\/t-1093-12\/\" class=\"_self\" target=\"_self\" >T-1093-12<\/a><\/h4>\n<div class=\"pt-cv-content\">\u00a0 \u00a0 Sentencia T-1093\/12 \u00a0 DERECHO DE ACCESO A LA ADMINISTRACION DE JUSTICIA-Competencia de los jueces constitucionales seg\u00fan auto 004 de 2004 \u00a0 DESCONOCIMIENTO DEL PRECEDENTE CONSTITUCIONAL-Caracterizaci\u00f3n \u00a0 DEFECTO SUSTANTIVO-Interpretaci\u00f3n irrazonable de las disposiciones jur\u00eddicas \u00a0 Esta Corporaci\u00f3n ha caracterizado este defecto como la existencia de una falencia o yerro en una providencia judicial, originada en el proceso de interpretaci\u00f3n y aplicaci\u00f3n de las disposiciones jur\u00eddicas al caso sometido al conocimiento del juez. Para que el defecto d\u00e9 lugar a la procedencia de la acci\u00f3n de tutela, debe tratarse de una irregularidad de alta trascendencia, que lleve a la emisi\u00f3n ...<br \/><div class=\"pt-cv-rmwrap\"><a href=\"https:\/\/www.dmsjuridica.com\/buscador_20179478954\/corteconstitucionalcronologico202454587\/t-1093-12\/\" class=\"_self pt-cv-readmore btn btn-success\" target=\"_self\">Ver Sentencia Completa...<\/a><\/div><\/div><\/div><\/div>\n<div class=\"col-md-12 col-sm-12 col-xs-12 pt-cv-content-item pt-cv-1-col\" ><div class='pt-cv-ifield'><a href=\"https:\/\/www.dmsjuridica.com\/buscador_20179478954\/corteconstitucionalcronologico202454587\/t-1092-12\/\" class=\"_self pt-cv-href-thumbnail pt-cv-thumb-default\" target=\"_self\" ><\/a>\n<div class=\"pt-cv-taxoterm above_title\"><a href='https:\/\/www.dmsjuridica.com\/buscador_20179478954\/corteconstitucionalcronologico202454587\/category\/buscar-en-toda-la-corte\/2012\/tutelas-2012\/' title='Tutelas 2012' class='pt-cv-tax-tutelas-2012'>Tutelas 2012<\/a><\/div>\n<h4 class=\"pt-cv-title\"><a href=\"https:\/\/www.dmsjuridica.com\/buscador_20179478954\/corteconstitucionalcronologico202454587\/t-1092-12\/\" class=\"_self\" target=\"_self\" >T-1092-12<\/a><\/h4>\n<div class=\"pt-cv-content\">\u00a0 \u00a0 Sentencia T-1092\/12 \u00a0 DERECHO FUNDAMENTAL A LA SALUD-Protecci\u00f3n constitucional especial \u00a0 DERECHO AL DIAGNOSTICO-Reiteraci\u00f3n de jurisprudencia sobre el car\u00e1cter de fundamental \u00a0 ACCION DE TUTELA CONTRA COMFAMA EPS-S-Orden a EPS-S para que disponga valoraci\u00f3n por especialista en salud oral a menor de edad\u00a0 \u00a0 \u00a0 \u00a0 Referencia: expediente T- 3.599.907 \u00a0 Acci\u00f3n de tutela presentada por Flor \u00c1ngela Jim\u00e9nez, a nombre de su menor hija Luz Dary Ruiz Jim\u00e9nez, en contra de Comfama EPS-S y el Fondo de Solidaridad y Garant\u00eda, Fosyga. \u00a0 Magistrado Ponente: \u00a0 LUIS GUILLERMO GUERRERO P\u00c9REZ \u00a0 Bogot\u00e1, D.C., trece (13) de diciembre de ...<br \/><div class=\"pt-cv-rmwrap\"><a href=\"https:\/\/www.dmsjuridica.com\/buscador_20179478954\/corteconstitucionalcronologico202454587\/t-1092-12\/\" class=\"_self pt-cv-readmore btn btn-success\" target=\"_self\">Ver Sentencia Completa...<\/a><\/div><\/div><\/div><\/div>\n<div class=\"col-md-12 col-sm-12 col-xs-12 pt-cv-content-item pt-cv-1-col\" ><div class='pt-cv-ifield'><a href=\"https:\/\/www.dmsjuridica.com\/buscador_20179478954\/corteconstitucionalcronologico202454587\/t-1090-12\/\" class=\"_self pt-cv-href-thumbnail pt-cv-thumb-default\" target=\"_self\" ><\/a>\n<div class=\"pt-cv-taxoterm above_title\"><a href='https:\/\/www.dmsjuridica.com\/buscador_20179478954\/corteconstitucionalcronologico202454587\/category\/buscar-en-toda-la-corte\/2012\/tutelas-2012\/' title='Tutelas 2012' class='pt-cv-tax-tutelas-2012'>Tutelas 2012<\/a><\/div>\n<h4 class=\"pt-cv-title\"><a href=\"https:\/\/www.dmsjuridica.com\/buscador_20179478954\/corteconstitucionalcronologico202454587\/t-1090-12\/\" class=\"_self\" target=\"_self\" >T-1090-12<\/a><\/h4>\n<div class=\"pt-cv-content\">\u00a0 \u00a0 Sentencia T-1090\/12 \u00a0 ACCION DE TUTELA CONTRA PROVIDENCIAS JUDICIALES-Procedencia excepcional \u00a0 ACCION DE TUTELA CONTRA PROVIDENCIA JUDICIAL QUE RESUELVE INCIDENTE DE DESACATO-Procedencia excepcional\u00a0 \u00a0 INCIDENTE DE DESACATO-Aspectos sustanciales y procesales \u00a0 PROCESO DE REGULACION DE VISITAS DE NI\u00d1OS Y NI\u00d1AS-Protecci\u00f3n de derechos fundamentales \u00a0 INCIDENTE DE DESACATO-Contenido y alcance en la jurisprudencia constitucional \u00a0 INCIDENTE DE DESACATO-Legitimidad \u00a0 \u00a0 DERECHO PENAL DE AUTOR Y DERECHO PENAL DE ACTO-Distinci\u00f3n\u00a0 \u00a0 CUMPLIMIENTO FALLO DE TUTELA E INCIDENTE DE DESACATO-Distinci\u00f3n \u00a0 De manera reiterada y consistente, la Corte ha indicado que el desacato es una figura distinta del cumplimiento, en tanto ...<br \/><div class=\"pt-cv-rmwrap\"><a href=\"https:\/\/www.dmsjuridica.com\/buscador_20179478954\/corteconstitucionalcronologico202454587\/t-1090-12\/\" class=\"_self pt-cv-readmore btn btn-success\" target=\"_self\">Ver Sentencia Completa...<\/a><\/div><\/div><\/div><\/div>\n<div class=\"col-md-12 col-sm-12 col-xs-12 pt-cv-content-item pt-cv-1-col\" ><div class='pt-cv-ifield'><a href=\"https:\/\/www.dmsjuridica.com\/buscador_20179478954\/corteconstitucionalcronologico202454587\/t-109-12\/\" class=\"_self pt-cv-href-thumbnail pt-cv-thumb-default\" target=\"_self\" ><\/a>\n<div class=\"pt-cv-taxoterm above_title\"><a href='https:\/\/www.dmsjuridica.com\/buscador_20179478954\/corteconstitucionalcronologico202454587\/category\/buscar-en-toda-la-corte\/2012\/tutelas-2012\/' title='Tutelas 2012' class='pt-cv-tax-tutelas-2012'>Tutelas 2012<\/a><\/div>\n<h4 class=\"pt-cv-title\"><a href=\"https:\/\/www.dmsjuridica.com\/buscador_20179478954\/corteconstitucionalcronologico202454587\/t-109-12\/\" class=\"_self\" target=\"_self\" >T-109-12<\/a><\/h4>\n<div class=\"pt-cv-content\">\u00a0 \u00a0 Sentencia T-109\/12 \u00a0 FACULTAD LEGISLATIVA DE ESTABLECER REQUISITOS DE IDONEIDAD PARA EL EJERCICIO DE UNA PROFESION-Posibilidad de hacerlos m\u00e1s exigentes cuando se trata de carreras que conllevan una responsabilidad social \u00a0 PRINCIPIO DE IGUALDAD Y SU RELACION CON LA DISTRIBUCION DE BIENES ESCASOS Y CARGAS SOCIALES\/SORTEO DE PLAZAS DISPONIBLES PARA REALIZAR EL SERVICIO SOCIAL OBLIGATORIO\u00a0 \u00a0 La Corte ha considerado que la distribuci\u00f3n de beneficios y cargas implica una decisi\u00f3n en la que se escoge otorgar o imponer algo a determinadas personas o grupos y, por lo tanto, una distinci\u00f3n, de donde se infiere la relaci\u00f3n entre esa ...<br \/><div class=\"pt-cv-rmwrap\"><a href=\"https:\/\/www.dmsjuridica.com\/buscador_20179478954\/corteconstitucionalcronologico202454587\/t-109-12\/\" class=\"_self pt-cv-readmore btn btn-success\" target=\"_self\">Ver Sentencia Completa...<\/a><\/div><\/div><\/div><\/div>\n<div class=\"col-md-12 col-sm-12 col-xs-12 pt-cv-content-item pt-cv-1-col\" ><div class='pt-cv-ifield'><a href=\"https:\/\/www.dmsjuridica.com\/buscador_20179478954\/corteconstitucionalcronologico202454587\/t-1089-12\/\" class=\"_self pt-cv-href-thumbnail pt-cv-thumb-default\" target=\"_self\" ><\/a>\n<div class=\"pt-cv-taxoterm above_title\"><a href='https:\/\/www.dmsjuridica.com\/buscador_20179478954\/corteconstitucionalcronologico202454587\/category\/buscar-en-toda-la-corte\/2012\/tutelas-2012\/' title='Tutelas 2012' class='pt-cv-tax-tutelas-2012'>Tutelas 2012<\/a><\/div>\n<h4 class=\"pt-cv-title\"><a href=\"https:\/\/www.dmsjuridica.com\/buscador_20179478954\/corteconstitucionalcronologico202454587\/t-1089-12\/\" class=\"_self\" target=\"_self\" >T-1089-12<\/a><\/h4>\n<div class=\"pt-cv-content\">\u00a0 \u00a0 Sentencia T-1089\/12 \u00a0 LEGITIMACION POR ACTIVA EN TUTELA-Requisito de procedibilidad \u00a0 \u00a0 \u00a0 ACCION DE TUTELA DE MENORES DE EDAD Y ADULTOS MAYORES CONTRA ASOCIACION DE ACUEDUCTO RURAL-Acceso efectivo al servicio p\u00fablico de agua potable para uso personal y dom\u00e9stico \u00a0 \u00a0 \u00a0 DERECHO AL AGUA-Car\u00e1cter fundamental \u00a0 \u00a0 \u00a0 DERECHO AL AGUA-Servicio p\u00fablico a cargo del Estado \u00a0 \u00a0 \u00a0 DERECHO AL AGUA-Car\u00e1cter prestacional \u00a0 \u00a0 \u00a0 DERECHO AL AGUA-Realizaci\u00f3n de pol\u00edticas p\u00fablicas para asegurar el goce efectivo \u00a0 \u00a0 \u00a0 DERECHO A LA VIDA, SALUD E IGUALDAD-Acceso al servicio de agua potable \u00a0 \u00a0 \u00a0 ACCION ...<br \/><div class=\"pt-cv-rmwrap\"><a href=\"https:\/\/www.dmsjuridica.com\/buscador_20179478954\/corteconstitucionalcronologico202454587\/t-1089-12\/\" class=\"_self pt-cv-readmore btn btn-success\" target=\"_self\">Ver Sentencia Completa...<\/a><\/div><\/div><\/div><\/div>\n<div class=\"col-md-12 col-sm-12 col-xs-12 pt-cv-content-item pt-cv-1-col\" ><div class='pt-cv-ifield'><a href=\"https:\/\/www.dmsjuridica.com\/buscador_20179478954\/corteconstitucionalcronologico202454587\/t-1088-12\/\" class=\"_self pt-cv-href-thumbnail pt-cv-thumb-default\" target=\"_self\" ><\/a>\n<div class=\"pt-cv-taxoterm above_title\"><a href='https:\/\/www.dmsjuridica.com\/buscador_20179478954\/corteconstitucionalcronologico202454587\/category\/buscar-en-toda-la-corte\/2012\/tutelas-2012\/' title='Tutelas 2012' class='pt-cv-tax-tutelas-2012'>Tutelas 2012<\/a><\/div>\n<h4 class=\"pt-cv-title\"><a href=\"https:\/\/www.dmsjuridica.com\/buscador_20179478954\/corteconstitucionalcronologico202454587\/t-1088-12\/\" class=\"_self\" target=\"_self\" >T-1088-12<\/a><\/h4>\n<div class=\"pt-cv-content\">\u00a0 \u00a0 Sentencia T-1088\/12 \u00a0 LEGITIMACION POR ACTIVA EN TUTELA-No establece diferencia entre persona nacional o extranjera \u00a0 \u00a0 \u00a0 ACCION DE TUTELA-Legitimaci\u00f3n de los extranjeros para instaurarla \u00a0 \u00a0 \u00a0 TRASPLANTE DE COMPONENTES ANATOMICOS A EXTRANJEROS NO RESIDENTES-Marco legal y jurisprudencia aplicable \u00a0 \u00a0 \u00a0 ASIGNACION DE COMPONENTES ANATOMICOS-Tiene en cuenta criterios t\u00e9cnico cient\u00edficos para la entrega de \u00f3rganos \u00a0 \u00a0 \u00a0 TRASPLANTE DE ORGANOS O TEJIDOS A EXTRANJEROS NO RESIDENTES-Procedimiento \u00a0 ASIGNACION DE COMPONENTES ANATOMICOS REQUERIDOS PARA TRASPLANTE-Inscripci\u00f3n de pacientes tiene por objeto establecer orden de prelaci\u00f3n \u00a0 \u00a0 \u00a0 INSTITUTO NACIONAL DE SALUD-Prestaci\u00f3n de servicios de trasplante ...<br \/><div class=\"pt-cv-rmwrap\"><a href=\"https:\/\/www.dmsjuridica.com\/buscador_20179478954\/corteconstitucionalcronologico202454587\/t-1088-12\/\" class=\"_self pt-cv-readmore btn btn-success\" target=\"_self\">Ver Sentencia Completa...<\/a><\/div><\/div><\/div><\/div>\n<div class=\"col-md-12 col-sm-12 col-xs-12 pt-cv-content-item pt-cv-1-col\" ><div class='pt-cv-ifield'><a href=\"https:\/\/www.dmsjuridica.com\/buscador_20179478954\/corteconstitucionalcronologico202454587\/t-1087-12\/\" class=\"_self pt-cv-href-thumbnail pt-cv-thumb-default\" target=\"_self\" ><\/a>\n<div class=\"pt-cv-taxoterm above_title\"><a href='https:\/\/www.dmsjuridica.com\/buscador_20179478954\/corteconstitucionalcronologico202454587\/category\/buscar-en-toda-la-corte\/2012\/tutelas-2012\/' title='Tutelas 2012' class='pt-cv-tax-tutelas-2012'>Tutelas 2012<\/a><\/div>\n<h4 class=\"pt-cv-title\"><a href=\"https:\/\/www.dmsjuridica.com\/buscador_20179478954\/corteconstitucionalcronologico202454587\/t-1087-12\/\" class=\"_self\" target=\"_self\" >T-1087-12<\/a><\/h4>\n<div class=\"pt-cv-content\">LEGITIMACION POR ACTIVA EN TUTELA \u00a0 \u00a0 \u00a0 ACCION DE TUTELA PARA OBTENER INCLUSION EN EL SISTEMA DE SEGURIDAD SOCIAL DE LAS FUERZAS MILITARES Y POLICIA NACIONAL-Reiteraci\u00f3n de jurisprudencia sobre procedencia excepcional \u00a0 \u00a0 \u00a0 PRINCIPIO DE SUBSIDIARIEDAD DE LA ACCION DE TUTELA-Procedencia excepcional como mecanismo transitorio para evitar un perjuicio irremediable \u00a0 \u00a0 \u00a0 ACCION DE TUTELA-Naturaleza subsidiaria \u00a0 \u00a0 \u00a0 REGIMEN ESPECIAL DE SEGURIDAD SOCIAL EN SALUD DE LAS FUERZAS MILITARES Y POLICIA NACIONAL-Reiteraci\u00f3n de jurisprudencia \u00a0 \u00a0 \u00a0 SISTEMA ESPECIAL DE SALUD DE LAS FUERZAS MILITARES Y POLICIA NACIONAL-Clases de afiliados \u00a0 \u00a0 \u00a0 REGIMEN ESPECIAL DE ...<br \/><div class=\"pt-cv-rmwrap\"><a href=\"https:\/\/www.dmsjuridica.com\/buscador_20179478954\/corteconstitucionalcronologico202454587\/t-1087-12\/\" class=\"_self pt-cv-readmore btn btn-success\" target=\"_self\">Ver Sentencia Completa...<\/a><\/div><\/div><\/div><\/div>\n<div class=\"col-md-12 col-sm-12 col-xs-12 pt-cv-content-item pt-cv-1-col\" ><div class='pt-cv-ifield'><a href=\"https:\/\/www.dmsjuridica.com\/buscador_20179478954\/corteconstitucionalcronologico202454587\/t-1086-12\/\" class=\"_self pt-cv-href-thumbnail pt-cv-thumb-default\" target=\"_self\" ><\/a>\n<div class=\"pt-cv-taxoterm above_title\"><a href='https:\/\/www.dmsjuridica.com\/buscador_20179478954\/corteconstitucionalcronologico202454587\/category\/buscar-en-toda-la-corte\/2012\/tutelas-2012\/' title='Tutelas 2012' class='pt-cv-tax-tutelas-2012'>Tutelas 2012<\/a><\/div>\n<h4 class=\"pt-cv-title\"><a href=\"https:\/\/www.dmsjuridica.com\/buscador_20179478954\/corteconstitucionalcronologico202454587\/t-1086-12\/\" class=\"_self\" target=\"_self\" >T-1086-12<\/a><\/h4>\n<div class=\"pt-cv-content\">\u00a0 \u00a0 Sentencia T-1086\/12 \u00a0 CONSEJO SECCIONAL DE LA JUDICATURA-Competencia para conocer acci\u00f3n de tutela contra Corte Suprema de Justicia seg\u00fan auto A004\/04 y A100\/08 \u00a0 \u00a0 \u00a0 ACCION DE TUTELA CONTRA PROVIDENCIAS JUDICIALES-Reiteraci\u00f3n de jurisprudencia sobre procedencia excepcional \u00a0 \u00a0 \u00a0 ACCION DE TUTELA CONTRA PROVIDENCIAS JUDICIALES-Requisitos generales de procedencia \u00a0 \u00a0 \u00a0 ACCION DE TUTELA CONTRA PROVIDENCIAS JUDICIALES-Causales espec\u00edficas de procedibilidad \u00a0 \u00a0 \u00a0 INDEXACION DE LA PRIMERA MESADA PENSIONAL-Car\u00e1cter universal \u00a0 \u00a0 \u00a0 \u00a0 \u00a0 INDEXACION DE LA PRIMERA MESADA PENSIONAL-Aplicaci\u00f3n del C\u00f3digo Sustantivo del Trabajo \u00a0 \u00a0 \u00a0 INDEXACION DE LA PRIMERA MESADA PENSIONAL-Criterio jurisprudencial de ...<br \/><div class=\"pt-cv-rmwrap\"><a href=\"https:\/\/www.dmsjuridica.com\/buscador_20179478954\/corteconstitucionalcronologico202454587\/t-1086-12\/\" class=\"_self pt-cv-readmore btn btn-success\" target=\"_self\">Ver Sentencia Completa...<\/a><\/div><\/div><\/div><\/div>\n<div class=\"col-md-12 col-sm-12 col-xs-12 pt-cv-content-item pt-cv-1-col\" ><div class='pt-cv-ifield'><a href=\"https:\/\/www.dmsjuridica.com\/buscador_20179478954\/corteconstitucionalcronologico202454587\/t-1085-12\/\" class=\"_self pt-cv-href-thumbnail pt-cv-thumb-default\" target=\"_self\" ><\/a>\n<div class=\"pt-cv-taxoterm above_title\"><a href='https:\/\/www.dmsjuridica.com\/buscador_20179478954\/corteconstitucionalcronologico202454587\/category\/buscar-en-toda-la-corte\/2012\/tutelas-2012\/' title='Tutelas 2012' class='pt-cv-tax-tutelas-2012'>Tutelas 2012<\/a><\/div>\n<h4 class=\"pt-cv-title\"><a href=\"https:\/\/www.dmsjuridica.com\/buscador_20179478954\/corteconstitucionalcronologico202454587\/t-1085-12\/\" class=\"_self\" target=\"_self\" >T-1085-12<\/a><\/h4>\n<div class=\"pt-cv-content\">\u00a0 \u00a0 Sentencia T-1085\/12 \u00a0 DERECHO FUNDAMENTAL A LA SALUD-Protecci\u00f3n constitucional especial \u00a0 El derecho a la salud protege m\u00faltiples \u00e1mbitos de la vida humana, desde diferentes perspectivas. Es un derecho complejo, tanto por su concepci\u00f3n, como por la diversidad de obligaciones que de \u00e9l se derivan y por la magnitud y variedad de acciones y omisiones que su cumplimiento demanda del Estado y de la sociedad en general. La complejidad de este derecho, implica que la plena garant\u00eda del goce efectivo del mismo, est\u00e1 supeditada en parte a los recursos materiales e institu\u00adcionales disponibles. Recientemente la Corte se refiri\u00f3 ...<br \/><div class=\"pt-cv-rmwrap\"><a href=\"https:\/\/www.dmsjuridica.com\/buscador_20179478954\/corteconstitucionalcronologico202454587\/t-1085-12\/\" class=\"_self pt-cv-readmore btn btn-success\" target=\"_self\">Ver Sentencia Completa...<\/a><\/div><\/div><\/div><\/div>\n<div class=\"col-md-12 col-sm-12 col-xs-12 pt-cv-content-item pt-cv-1-col\" ><div class='pt-cv-ifield'><a href=\"https:\/\/www.dmsjuridica.com\/buscador_20179478954\/corteconstitucionalcronologico202454587\/t-1084-12\/\" class=\"_self pt-cv-href-thumbnail pt-cv-thumb-default\" target=\"_self\" ><\/a>\n<div class=\"pt-cv-taxoterm above_title\"><a href='https:\/\/www.dmsjuridica.com\/buscador_20179478954\/corteconstitucionalcronologico202454587\/category\/buscar-en-toda-la-corte\/2012\/tutelas-2012\/' title='Tutelas 2012' class='pt-cv-tax-tutelas-2012'>Tutelas 2012<\/a><\/div>\n<h4 class=\"pt-cv-title\"><a href=\"https:\/\/www.dmsjuridica.com\/buscador_20179478954\/corteconstitucionalcronologico202454587\/t-1084-12\/\" class=\"_self\" target=\"_self\" >T-1084-12<\/a><\/h4>\n<div class=\"pt-cv-content\">\u00a0 \u00a0 Sentencia T-1084\/12 \u00a0 ACCION DE TUTELA PARA OBTENER REINTEGRO LABORAL DE TRABAJADOR DISCAPACITADO QUE GOCE DE ESTABILIDAD LABORAL REFORZADA-Procedencia excepcional \u00a0 ACCION DE TUTELA CONTRA PARTICULARES-Subordinaci\u00f3n e indefensi\u00f3n \u00a0 Esta Corporaci\u00f3n ha establecido que en principio la acci\u00f3n de tutela es el mecanismo procedente para solicitar la protecci\u00f3n de los derechos fundamentales frente a un particular cuando se evidencia un estado de indefensi\u00f3n o subordinaci\u00f3n. Espec\u00edficamente, esta Corporaci\u00f3n ha indicado que se presume el estado de indefensi\u00f3n o subordinaci\u00f3n entre particulares, en asuntos de car\u00e1cter laboral \u00a0 DERECHO A LA ESTABILIDAD LABORAL REFORZADA DE PERSONA DISCAPACITADA-Reiteraci\u00f3n de jurisprudencia ...<br \/><div class=\"pt-cv-rmwrap\"><a href=\"https:\/\/www.dmsjuridica.com\/buscador_20179478954\/corteconstitucionalcronologico202454587\/t-1084-12\/\" class=\"_self pt-cv-readmore btn btn-success\" target=\"_self\">Ver Sentencia Completa...<\/a><\/div><\/div><\/div><\/div>\n<div class=\"col-md-12 col-sm-12 col-xs-12 pt-cv-content-item pt-cv-1-col\" ><div class='pt-cv-ifield'><a href=\"https:\/\/www.dmsjuridica.com\/buscador_20179478954\/corteconstitucionalcronologico202454587\/t-1083-12\/\" class=\"_self pt-cv-href-thumbnail pt-cv-thumb-default\" target=\"_self\" ><\/a>\n<div class=\"pt-cv-taxoterm above_title\"><a href='https:\/\/www.dmsjuridica.com\/buscador_20179478954\/corteconstitucionalcronologico202454587\/category\/buscar-en-toda-la-corte\/2012\/tutelas-2012\/' title='Tutelas 2012' class='pt-cv-tax-tutelas-2012'>Tutelas 2012<\/a><\/div>\n<h4 class=\"pt-cv-title\"><a href=\"https:\/\/www.dmsjuridica.com\/buscador_20179478954\/corteconstitucionalcronologico202454587\/t-1083-12\/\" class=\"_self\" target=\"_self\" >T-1083-12<\/a><\/h4>\n<div class=\"pt-cv-content\">\u00a0 \u00a0 Sentencia T-1083\/12 \u00a0 ACCION DE TUTELA CONTRA PROVIDENCIAS JUDICIALES-Requisitos generales y especiales de procedibilidad \u00a0 DEFECTO SUSTANTIVO POR DESCONOCIMIENTO DEL PRECEDENTE CONSTITUCIONAL \u00a0 El defecto por desconocimiento del precedente constitucional se predica exclusivamente de los precedentes fijados por la Corte Constitucional en su jurisprudencia. Se presenta, por ejemplo, cuando la Corte establece el alcance de un derecho fundamental o se\u00f1ala la interpretaci\u00f3n de un precepto que m\u00e1s se ajusta a la Carta, y luego el juez ordinario resuelve un caso limitando sustancialmente dicho alcance o apart\u00e1ndose de la interpretaci\u00f3n fijada por el \u00f3rgano de cierre de la jurisdicci\u00f3n ...<br \/><div class=\"pt-cv-rmwrap\"><a href=\"https:\/\/www.dmsjuridica.com\/buscador_20179478954\/corteconstitucionalcronologico202454587\/t-1083-12\/\" class=\"_self pt-cv-readmore btn btn-success\" target=\"_self\">Ver Sentencia Completa...<\/a><\/div><\/div><\/div><\/div>\n<div class=\"col-md-12 col-sm-12 col-xs-12 pt-cv-content-item pt-cv-1-col\" ><div class='pt-cv-ifield'><a href=\"https:\/\/www.dmsjuridica.com\/buscador_20179478954\/corteconstitucionalcronologico202454587\/t-1082-12\/\" class=\"_self pt-cv-href-thumbnail pt-cv-thumb-default\" target=\"_self\" ><\/a>\n<div class=\"pt-cv-taxoterm above_title\"><a href='https:\/\/www.dmsjuridica.com\/buscador_20179478954\/corteconstitucionalcronologico202454587\/category\/buscar-en-toda-la-corte\/2012\/tutelas-2012\/' title='Tutelas 2012' class='pt-cv-tax-tutelas-2012'>Tutelas 2012<\/a><\/div>\n<h4 class=\"pt-cv-title\"><a href=\"https:\/\/www.dmsjuridica.com\/buscador_20179478954\/corteconstitucionalcronologico202454587\/t-1082-12\/\" class=\"_self\" target=\"_self\" >T-1082-12<\/a><\/h4>\n<div class=\"pt-cv-content\">\u00a0 \u00a0 NOTA DE RELATORIA: Esta sentencia fue declarada NULA mediante auto 155 del 2014, el cual se anexa en la parte final de la presente providencia.\u00a0 \u00a0 Sentencia T-1082\/12 \u00a0 ACCION DE TUTELA CONTRA ACTO ADMINISTRATIVO-Procedencia excepcional para controvertirlo cuando se configure un perjuicio irremediable o vulneraci\u00f3n al debido proceso administrativo \u00a0 El debido proceso es un derecho fundamental que tiene una aplicaci\u00f3n concreta no s\u00f3lo en las actuaciones judiciales sino tambi\u00e9n en las administrativas. La garant\u00eda fundamental del debido proceso se aplica a toda actuaci\u00f3n administrativa desde la etapa de inicio del respectivo procedimiento hasta su terminaci\u00f3n, y ...<br \/><div class=\"pt-cv-rmwrap\"><a href=\"https:\/\/www.dmsjuridica.com\/buscador_20179478954\/corteconstitucionalcronologico202454587\/t-1082-12\/\" class=\"_self pt-cv-readmore btn btn-success\" target=\"_self\">Ver Sentencia Completa...<\/a><\/div><\/div><\/div><\/div>\n<div class=\"col-md-12 col-sm-12 col-xs-12 pt-cv-content-item pt-cv-1-col\" ><div class='pt-cv-ifield'><a href=\"https:\/\/www.dmsjuridica.com\/buscador_20179478954\/corteconstitucionalcronologico202454587\/t-1081-12\/\" class=\"_self pt-cv-href-thumbnail pt-cv-thumb-default\" target=\"_self\" ><\/a>\n<div class=\"pt-cv-taxoterm above_title\"><a href='https:\/\/www.dmsjuridica.com\/buscador_20179478954\/corteconstitucionalcronologico202454587\/category\/buscar-en-toda-la-corte\/2012\/tutelas-2012\/' title='Tutelas 2012' class='pt-cv-tax-tutelas-2012'>Tutelas 2012<\/a><\/div>\n<h4 class=\"pt-cv-title\"><a href=\"https:\/\/www.dmsjuridica.com\/buscador_20179478954\/corteconstitucionalcronologico202454587\/t-1081-12\/\" class=\"_self\" target=\"_self\" >T-1081-12<\/a><\/h4>\n<div class=\"pt-cv-content\">\u00a0 \u00a0 Sentencia T-1081\/12 \u00a0 ACCION DE TUTELA-Subsidiariedad e improcedencia cuando existen otros medios de defensa judicial \u00a0 ACCION DE TUTELA-Improcedencia sobre controversias econ\u00f3micas \u00a0 Esta Corporaci\u00f3n ha negado la procedencia de la acci\u00f3n de tutela para resolver controversias de naturaleza econ\u00f3mica, pues la finalidad del amparo constitucional es servir de instrumento de salvaguarda iusfundamental, m\u00e1s no como mecanismo encaminado a resolver controversias de car\u00e1cter contractual y econ\u00f3mico. De lo anteriormente visto, se concluye que en principio, las discusiones de \u00edndole econ\u00f3mica resultan ajenas a la jurisdicci\u00f3n constitucional, de ah\u00ed, que el amparo resulta improcedente frente a reclamaciones estrictamente econ\u00f3micas, ...<br \/><div class=\"pt-cv-rmwrap\"><a href=\"https:\/\/www.dmsjuridica.com\/buscador_20179478954\/corteconstitucionalcronologico202454587\/t-1081-12\/\" class=\"_self pt-cv-readmore btn btn-success\" target=\"_self\">Ver Sentencia Completa...<\/a><\/div><\/div><\/div><\/div>\n<div class=\"col-md-12 col-sm-12 col-xs-12 pt-cv-content-item pt-cv-1-col\" ><div class='pt-cv-ifield'><a href=\"https:\/\/www.dmsjuridica.com\/buscador_20179478954\/corteconstitucionalcronologico202454587\/t-1080-12\/\" class=\"_self pt-cv-href-thumbnail pt-cv-thumb-default\" target=\"_self\" ><\/a>\n<div class=\"pt-cv-taxoterm above_title\"><a href='https:\/\/www.dmsjuridica.com\/buscador_20179478954\/corteconstitucionalcronologico202454587\/category\/buscar-en-toda-la-corte\/2012\/tutelas-2012\/' title='Tutelas 2012' class='pt-cv-tax-tutelas-2012'>Tutelas 2012<\/a><\/div>\n<h4 class=\"pt-cv-title\"><a href=\"https:\/\/www.dmsjuridica.com\/buscador_20179478954\/corteconstitucionalcronologico202454587\/t-1080-12\/\" class=\"_self\" target=\"_self\" >T-1080-12<\/a><\/h4>\n<div class=\"pt-cv-content\">\u00a0 \u00a0 Sentencia T-1080\/12 \u00a0 DERECHO DE LOS PUEBLOS INDIGENAS A LA CONSULTA PREVIA-Desarrollo normativo y jurisprudencial \u00a0 DIVERSIDAD ETNICA Y CULTURAL-Protecci\u00f3n constitucional\/MULTICULTURALIDAD Y MINORIAS-Protecci\u00f3n constitucional \u00a0 El art\u00edculo 7 de la Constituci\u00f3n se\u00f1ala como un deber estatal el reconocimiento y protecci\u00f3n de la diversidad \u00e9tnica y cultural de la Naci\u00f3n colombiana, correspondi\u00e9ndole garantizar la igualdad y dignidad de todas las culturas que conviven en el pa\u00eds (art. 70), la protecci\u00f3n de las riquezas culturales y naturales de la Naci\u00f3n (art. 8), el respeto a la autodeterminaci\u00f3n de los pueblos en el manejo de las relaciones exteriores (art. 9) y ...<br \/><div class=\"pt-cv-rmwrap\"><a href=\"https:\/\/www.dmsjuridica.com\/buscador_20179478954\/corteconstitucionalcronologico202454587\/t-1080-12\/\" class=\"_self pt-cv-readmore btn btn-success\" target=\"_self\">Ver Sentencia Completa...<\/a><\/div><\/div><\/div><\/div>\n<div class=\"col-md-12 col-sm-12 col-xs-12 pt-cv-content-item pt-cv-1-col\" ><div class='pt-cv-ifield'><a href=\"https:\/\/www.dmsjuridica.com\/buscador_20179478954\/corteconstitucionalcronologico202454587\/t-108-12\/\" class=\"_self pt-cv-href-thumbnail pt-cv-thumb-default\" target=\"_self\" ><\/a>\n<div class=\"pt-cv-taxoterm above_title\"><a href='https:\/\/www.dmsjuridica.com\/buscador_20179478954\/corteconstitucionalcronologico202454587\/category\/buscar-en-toda-la-corte\/2012\/tutelas-2012\/' title='Tutelas 2012' class='pt-cv-tax-tutelas-2012'>Tutelas 2012<\/a><\/div>\n<h4 class=\"pt-cv-title\"><a href=\"https:\/\/www.dmsjuridica.com\/buscador_20179478954\/corteconstitucionalcronologico202454587\/t-108-12\/\" class=\"_self\" target=\"_self\" >T-108-12<\/a><\/h4>\n<div class=\"pt-cv-content\">\u00a0 \u00a0 Sentencia T-108\/12 \u00a0 DERECHO A LA PENSION DE SOBREVIVIENTES-Caso en que no se expone en el acto administrativo que la neg\u00f3 las razones en que se fundament\u00f3 \u00a0 DEBIDO PROCESO ADMINISTRATIVO-Se vulnera al resolver una solicitud de pensi\u00f3n por medio de un acto no motivado en debida forma\u00a0 \u00a0 Es as\u00ed como se reitera que un acto administrativo a trav\u00e9s del cual se pronuncia la administraci\u00f3n de fondo sobre el derecho de un ciudadano, que no est\u00e9 debidamente motivado, vulnera su derecho fundamental al debido proceso administrativo. Tales actos deben contener las circunstancias de hecho y las razones ...<br \/><div class=\"pt-cv-rmwrap\"><a href=\"https:\/\/www.dmsjuridica.com\/buscador_20179478954\/corteconstitucionalcronologico202454587\/t-108-12\/\" class=\"_self pt-cv-readmore btn btn-success\" target=\"_self\">Ver Sentencia Completa...<\/a><\/div><\/div><\/div><\/div>\n<div class=\"col-md-12 col-sm-12 col-xs-12 pt-cv-content-item pt-cv-1-col\" ><div class='pt-cv-ifield'><a href=\"https:\/\/www.dmsjuridica.com\/buscador_20179478954\/corteconstitucionalcronologico202454587\/t-1079-12\/\" class=\"_self pt-cv-href-thumbnail pt-cv-thumb-default\" target=\"_self\" ><\/a>\n<div class=\"pt-cv-taxoterm above_title\"><a href='https:\/\/www.dmsjuridica.com\/buscador_20179478954\/corteconstitucionalcronologico202454587\/category\/buscar-en-toda-la-corte\/2012\/tutelas-2012\/' title='Tutelas 2012' class='pt-cv-tax-tutelas-2012'>Tutelas 2012<\/a><\/div>\n<h4 class=\"pt-cv-title\"><a href=\"https:\/\/www.dmsjuridica.com\/buscador_20179478954\/corteconstitucionalcronologico202454587\/t-1079-12\/\" class=\"_self\" target=\"_self\" >T-1079-12<\/a><\/h4>\n<div class=\"pt-cv-content\">\u00a0 \u00a0 Sentencia T-1079\/12 \u00a0 PRINCIPIO DE INMEDIATEZ Y OPORTUNIDAD EN LA PRESENTACION DE LA ACCION DE TUTELA-Criterios que ha fijado la jurisprudencia constitucional \u00a0 ACCION DE TUTELA-Condiciones de procedibilidad para obtener la reliquidaci\u00f3n de la pensi\u00f3n \u00a0 El juez constitucional podr\u00eda proporcionar un amparo transitorio hasta tanto la jurisdicci\u00f3n ordinaria resuelva de fondo el caso puesto a su consideraci\u00f3n, protecci\u00f3n excepcional que es viable respecto de situaciones extraordinarias frente a las cuales de no darse el amparo solicitado se podr\u00eda causar un perjuicio irremediable. En el caso de la petici\u00f3n de reliquidaci\u00f3n de una prestaci\u00f3n social como lo es ...<br \/><div class=\"pt-cv-rmwrap\"><a href=\"https:\/\/www.dmsjuridica.com\/buscador_20179478954\/corteconstitucionalcronologico202454587\/t-1079-12\/\" class=\"_self pt-cv-readmore btn btn-success\" target=\"_self\">Ver Sentencia Completa...<\/a><\/div><\/div><\/div><\/div>\n<div class=\"col-md-12 col-sm-12 col-xs-12 pt-cv-content-item pt-cv-1-col\" ><div class='pt-cv-ifield'><a href=\"https:\/\/www.dmsjuridica.com\/buscador_20179478954\/corteconstitucionalcronologico202454587\/t-1078-12\/\" class=\"_self pt-cv-href-thumbnail pt-cv-thumb-default\" target=\"_self\" ><\/a>\n<div class=\"pt-cv-taxoterm above_title\"><a href='https:\/\/www.dmsjuridica.com\/buscador_20179478954\/corteconstitucionalcronologico202454587\/category\/buscar-en-toda-la-corte\/2012\/tutelas-2012\/' title='Tutelas 2012' class='pt-cv-tax-tutelas-2012'>Tutelas 2012<\/a><\/div>\n<h4 class=\"pt-cv-title\"><a href=\"https:\/\/www.dmsjuridica.com\/buscador_20179478954\/corteconstitucionalcronologico202454587\/t-1078-12\/\" class=\"_self\" target=\"_self\" >T-1078-12<\/a><\/h4>\n<div class=\"pt-cv-content\">\u00a0 \u00a0 Sentencia T-1078\/12 \u00a0 ESCLAVITUD-Caso de mujer que fue extra\u00edda de su casa de aproximadamente 7 a\u00f1os de edad, forzada a realizar trabajo dom\u00e9stico sin remuneraci\u00f3n y sometida a maltrato\u00a0 \u00a0 ESCLAVITUD, SERVIDUMBRE Y TRATA DE SERES HUMANOS-Prohibici\u00f3n \u00a0 La prohibici\u00f3n de la esclavitud, la servidumbre, los trabajos forzosos y la trata de seres humanos tiene fundamento en los derechos fundamentales que tales pr\u00e1cticas lesionan. En efecto, la proscripci\u00f3n de esas pr\u00e1cticas parte del reconocimiento de que envuelven graves y serias violaciones de derechos fundamentales que ameritan respuestas estatales tan extremas como las de tipo penal. En este sentido, ...<br \/><div class=\"pt-cv-rmwrap\"><a href=\"https:\/\/www.dmsjuridica.com\/buscador_20179478954\/corteconstitucionalcronologico202454587\/t-1078-12\/\" class=\"_self pt-cv-readmore btn btn-success\" target=\"_self\">Ver Sentencia Completa...<\/a><\/div><\/div><\/div><\/div>\n<div class=\"col-md-12 col-sm-12 col-xs-12 pt-cv-content-item pt-cv-1-col\" ><div class='pt-cv-ifield'><a href=\"https:\/\/www.dmsjuridica.com\/buscador_20179478954\/corteconstitucionalcronologico202454587\/t-1077-12\/\" class=\"_self pt-cv-href-thumbnail pt-cv-thumb-default\" target=\"_self\" ><\/a>\n<div class=\"pt-cv-taxoterm above_title\"><a href='https:\/\/www.dmsjuridica.com\/buscador_20179478954\/corteconstitucionalcronologico202454587\/category\/buscar-en-toda-la-corte\/2012\/tutelas-2012\/' title='Tutelas 2012' class='pt-cv-tax-tutelas-2012'>Tutelas 2012<\/a><\/div>\n<h4 class=\"pt-cv-title\"><a href=\"https:\/\/www.dmsjuridica.com\/buscador_20179478954\/corteconstitucionalcronologico202454587\/t-1077-12\/\" class=\"_self\" target=\"_self\" >T-1077-12<\/a><\/h4>\n<div class=\"pt-cv-content\">\u00a0 \u00a0 Sentencia T-1077\/12 \u00a0 ACCION DE TUTELA CONTRA PARTICULARES QUE PRESTAN SERVICIO PUBLICO-Procedencia \u00a0 \u00a0 \u00a0 TELECOMUNICACIONES-Servicio p\u00c3\u00bablico a cargo del Estado \u00a0 \u00a0 \u00a0 TELEFONIA MOVIL CELULAR-Servicio p\u00c3\u00bablico de telecomunicaci\u00c3\u00b3n a cargo de la Naci\u00c3\u00b3n \u00a0 ACTIVIDAD EJERCIDA POR EMPRESAS DE TELEFONIA MOVIL CELULAR-Marco normativo \u00a0 \u00a0 \u00a0 ESTACIONES BASE EN TELECOMUNICACIONES Y ANTENAS DE TELEFONIA MOVIL CELULAR-No existe requisito para instalaci\u00c3\u00b3n \u00a0 \u00a0 \u00a0 ESTACIONES BASE EN TELECOMUNICACIONES Y ANTENAS DE TELEFONIA MOVIL CELULAR-Requerimiento de licencia o permiso en caso que deba acreditar requisito para instalaci\u00c3\u00b3n \u00a0 \u00a0 \u00a0 AGENCIA NACIONAL DEL\u00a0ESPECTRO-Funci\u00c3\u00b3n de inspecci\u00c3\u00b3n, vigilancia y medici\u00c3\u00b3n ...<br \/><div class=\"pt-cv-rmwrap\"><a href=\"https:\/\/www.dmsjuridica.com\/buscador_20179478954\/corteconstitucionalcronologico202454587\/t-1077-12\/\" class=\"_self pt-cv-readmore btn btn-success\" target=\"_self\">Ver Sentencia Completa...<\/a><\/div><\/div><\/div><\/div>\n<div class=\"col-md-12 col-sm-12 col-xs-12 pt-cv-content-item pt-cv-1-col\" ><div class='pt-cv-ifield'><a href=\"https:\/\/www.dmsjuridica.com\/buscador_20179478954\/corteconstitucionalcronologico202454587\/t-1076-12\/\" class=\"_self pt-cv-href-thumbnail pt-cv-thumb-default\" target=\"_self\" ><\/a>\n<div class=\"pt-cv-taxoterm above_title\"><a href='https:\/\/www.dmsjuridica.com\/buscador_20179478954\/corteconstitucionalcronologico202454587\/category\/buscar-en-toda-la-corte\/2012\/tutelas-2012\/' title='Tutelas 2012' class='pt-cv-tax-tutelas-2012'>Tutelas 2012<\/a><\/div>\n<h4 class=\"pt-cv-title\"><a href=\"https:\/\/www.dmsjuridica.com\/buscador_20179478954\/corteconstitucionalcronologico202454587\/t-1076-12\/\" class=\"_self\" target=\"_self\" >T-1076-12<\/a><\/h4>\n<div class=\"pt-cv-content\">\u00a0 \u00a0 Sentencia T-1076\/12 \u00a0 \u00a0 \u00a0 DERECHO A LA SALUD DE SUJETOS DE ESPECIAL PROTECCION-Reiteraci\u00f3n de jurisprudencia \u00a0 \u00a0 \u00a0 DERECHO A LA SALUD-Servicio\u00a0p\u00fablico esencial a cargo del Estado \u00a0 \u00a0 \u00a0 DERECHO A LA SALUD DE MENOR DE EDAD-Fundamental aut\u00f3nomo \u00a0 \u00a0 \u00a0 DERECHO AL DIAGNOSTICO MEDICO INHERENTE A LA PRESTACION DEL SERVICIO DE SALUD-Reiteraci\u00f3n de jurisprudencia \u00a0 \u00a0 \u00a0 DERECHO AL DIAGNOSTICO-Contenido \u00a0 \u00a0 \u00a0 ACCION DE TUTELA DE MENOR DE EDAD CONTRA EPS-Improcedencia por no acudir ante entidad para adelantar procedimiento necesario para la atenci\u00f3n, diagn\u00f3stico y tratamiento de enfermedad \u00a0 \u00a0 \u00a0 ACCION DE TUTELA ...<br \/><div class=\"pt-cv-rmwrap\"><a href=\"https:\/\/www.dmsjuridica.com\/buscador_20179478954\/corteconstitucionalcronologico202454587\/t-1076-12\/\" class=\"_self pt-cv-readmore btn btn-success\" target=\"_self\">Ver Sentencia Completa...<\/a><\/div><\/div><\/div><\/div>\n<div class=\"col-md-12 col-sm-12 col-xs-12 pt-cv-content-item pt-cv-1-col\" ><div class='pt-cv-ifield'><a href=\"https:\/\/www.dmsjuridica.com\/buscador_20179478954\/corteconstitucionalcronologico202454587\/t-1075-12\/\" class=\"_self pt-cv-href-thumbnail pt-cv-thumb-default\" target=\"_self\" ><\/a>\n<div class=\"pt-cv-taxoterm above_title\"><a href='https:\/\/www.dmsjuridica.com\/buscador_20179478954\/corteconstitucionalcronologico202454587\/category\/buscar-en-toda-la-corte\/2012\/tutelas-2012\/' title='Tutelas 2012' class='pt-cv-tax-tutelas-2012'>Tutelas 2012<\/a><\/div>\n<h4 class=\"pt-cv-title\"><a href=\"https:\/\/www.dmsjuridica.com\/buscador_20179478954\/corteconstitucionalcronologico202454587\/t-1075-12\/\" class=\"_self\" target=\"_self\" >T-1075-12<\/a><\/h4>\n<div class=\"pt-cv-content\">\u00a0 \u00a0 Sentencia T-1075\/12 \u00a0 AGENCIA OFICIOSA EN TUTELA \u00a0 \u00a0 \u00a0 AGENCIA OFICIOSA EN TUTELA-Principios cardinales \u00a0 \u00a0 \u00a0 AGENCIA OFICIOSA EN TUTELA-Requisitos \u00a0 \u00a0 \u00a0 ACCION DE TUTELA PARA RECONOCIMIENTO DE PRESTACIONES PENSIONALES-Procedencia excepcional \u00a0 \u00a0 \u00a0 ACCION DE TUTELA DE SUJETOS DE ESPECIAL PROTECCION-Procedencia excepcional \u00a0 \u00a0 \u00a0 ACCION DE TUTELA DE ADULTOS MAYORES O PERSONAS DE LA TERECERA EDAD-Protecci\u00c3\u00b3n \u00a0 \u00a0 \u00a0 PERSONAS DE LA TERECERA EDAD-Derecho a gozar de una vejez digna y plena \u00a0 \u00a0 \u00a0 PENSION DE VEJEZ O INDEMNIZACION SUSTITUTIVA-Reconocimiento de prestaciones pensionales a personas de la tercera edad \u00a0 \u00a0 \u00a0 ...<br \/><div class=\"pt-cv-rmwrap\"><a href=\"https:\/\/www.dmsjuridica.com\/buscador_20179478954\/corteconstitucionalcronologico202454587\/t-1075-12\/\" class=\"_self pt-cv-readmore btn btn-success\" target=\"_self\">Ver Sentencia Completa...<\/a><\/div><\/div><\/div><\/div>\n<div class=\"col-md-12 col-sm-12 col-xs-12 pt-cv-content-item pt-cv-1-col\" ><div class='pt-cv-ifield'><a href=\"https:\/\/www.dmsjuridica.com\/buscador_20179478954\/corteconstitucionalcronologico202454587\/t-1074-12\/\" class=\"_self pt-cv-href-thumbnail pt-cv-thumb-default\" target=\"_self\" ><\/a>\n<div class=\"pt-cv-taxoterm above_title\"><a href='https:\/\/www.dmsjuridica.com\/buscador_20179478954\/corteconstitucionalcronologico202454587\/category\/buscar-en-toda-la-corte\/2012\/tutelas-2012\/' title='Tutelas 2012' class='pt-cv-tax-tutelas-2012'>Tutelas 2012<\/a><\/div>\n<h4 class=\"pt-cv-title\"><a href=\"https:\/\/www.dmsjuridica.com\/buscador_20179478954\/corteconstitucionalcronologico202454587\/t-1074-12\/\" class=\"_self\" target=\"_self\" >T-1074-12<\/a><\/h4>\n<div class=\"pt-cv-content\">\u00a0 \u00a0 Sentencia T-1074\/12 \u00a0 \u00a0 \u00a0 ACCION DE TUTELA FRENTE A MEDIO DE DEFENSA JUDICIAL-Procedencia excepcional como mecanismo transitorio para evitar un perjuicio irremediable \u00a0 \u00a0 \u00a0 PRINCIPIO DE SUBSIDIARIEDAD E INMEDIATEZ DE LA ACCION DE TUTELA-Caracter\u00edsticas esenciales \u00a0 \u00a0 \u00a0 PRINCIPIO DE SUBSIDIARIEDAD DE LA ACCION DE TUTELA-Procedencia excepcional como mecanismo transitorio para evitar un perjuicio irremediable \u00a0 \u00a0 \u00a0 PRINCIPIO DE INMEDIATEZ-T\u00e9rmino oportuno, justo y razonable \u00a0 \u00a0 \u00a0 ACCION DE TUTELA PARA RECONOCIMIENTO DE PRESTACIONES SOCIALES-Procedencia excepcional \u00a0 \u00a0 \u00a0 SEGURIDAD SOCIAL-Servicio p\u00fablico de car\u00e1cter obligatorio \u00a0 \u00a0 \u00a0 SEGURIDAD SOCIAL-Derecho irrenunciable \u00a0 \u00a0 \u00a0 PENSION ...<br \/><div class=\"pt-cv-rmwrap\"><a href=\"https:\/\/www.dmsjuridica.com\/buscador_20179478954\/corteconstitucionalcronologico202454587\/t-1074-12\/\" class=\"_self pt-cv-readmore btn btn-success\" target=\"_self\">Ver Sentencia Completa...<\/a><\/div><\/div><\/div><\/div>\n<div class=\"col-md-12 col-sm-12 col-xs-12 pt-cv-content-item pt-cv-1-col\" ><div class='pt-cv-ifield'><a href=\"https:\/\/www.dmsjuridica.com\/buscador_20179478954\/corteconstitucionalcronologico202454587\/t-107-12\/\" class=\"_self pt-cv-href-thumbnail pt-cv-thumb-default\" target=\"_self\" ><\/a>\n<div class=\"pt-cv-taxoterm above_title\"><a href='https:\/\/www.dmsjuridica.com\/buscador_20179478954\/corteconstitucionalcronologico202454587\/category\/buscar-en-toda-la-corte\/2012\/tutelas-2012\/' title='Tutelas 2012' class='pt-cv-tax-tutelas-2012'>Tutelas 2012<\/a><\/div>\n<h4 class=\"pt-cv-title\"><a href=\"https:\/\/www.dmsjuridica.com\/buscador_20179478954\/corteconstitucionalcronologico202454587\/t-107-12\/\" class=\"_self\" target=\"_self\" >T-107-12<\/a><\/h4>\n<div class=\"pt-cv-content\">\u00a0 \u00a0 Sentencia T-107\/12 \u00a0 ACCION DE TUTELA CONTRA PROVIDENCIAS JUDICIALES-Reiteraci\u00f3n de jurisprudencia sobre procedencia excepcional \u00a0 ACCION DE TUTELA-Requisitos generales de procedibilidad\u00a0 \u00a0 ACCION DE TUTELA CONTRA PROVIDENCIAS JUDICIALES PROFERIDAS EN EL CURSO DE PROCESOS HIPOTECARIOS-Requisitos de procedencia \u00a0 ACCION DE TUTELA CONTRA PROVIDENCIAS JUDICIALES-Causales espec\u00edficas de procedibilidad \u00a0 ACCION DE TUTELA CONTRA PROVIDENCIAS JUDICIALES-Verificaci\u00f3n del cumplimiento de los requisitos generales en el caso concreto \u00a0 Referencia: expediente T-3222421 \u00a0 Acci\u00f3n de tutela presentada por Carlos Alberto L\u00f3pez Arciniegas y otros contra la Sala Civil de Decisi\u00f3n del Tribunal Superior de Distrito Judicial de Cali y los Juzgados Primero, ...<br \/><div class=\"pt-cv-rmwrap\"><a href=\"https:\/\/www.dmsjuridica.com\/buscador_20179478954\/corteconstitucionalcronologico202454587\/t-107-12\/\" class=\"_self pt-cv-readmore btn btn-success\" target=\"_self\">Ver Sentencia Completa...<\/a><\/div><\/div><\/div><\/div>\n<div class=\"col-md-12 col-sm-12 col-xs-12 pt-cv-content-item pt-cv-1-col\" ><div class='pt-cv-ifield'><a href=\"https:\/\/www.dmsjuridica.com\/buscador_20179478954\/corteconstitucionalcronologico202454587\/t-1069-12\/\" class=\"_self pt-cv-href-thumbnail pt-cv-thumb-default\" target=\"_self\" ><\/a>\n<div class=\"pt-cv-taxoterm above_title\"><a href='https:\/\/www.dmsjuridica.com\/buscador_20179478954\/corteconstitucionalcronologico202454587\/category\/buscar-en-toda-la-corte\/2012\/tutelas-2012\/' title='Tutelas 2012' class='pt-cv-tax-tutelas-2012'>Tutelas 2012<\/a><\/div>\n<h4 class=\"pt-cv-title\"><a href=\"https:\/\/www.dmsjuridica.com\/buscador_20179478954\/corteconstitucionalcronologico202454587\/t-1069-12\/\" class=\"_self\" target=\"_self\" >T-1069-12<\/a><\/h4>\n<div class=\"pt-cv-content\">\u00a0 \u00a0 Sentencia T-1069\/12 \u00a0 ACCION DE TUTELA PARA RECONOCIMIENTO DE PRESTACIONES PENSIONALES-Procedencia excepcional \u00a0 \u00a0 \u00a0 ACCION DE TUTELA PARA RESOLVER CONTROVERSIAS SOBRE PENSIONES-Procedencia excepcional aunque exista otro medio de defensa judicial \u00a0 \u00a0 \u00a0 ADULTO MAYOR-Sujeto de especial protecci\u00f3n constitucional \u00a0 MEDIO DE DEFENSA JUDICIAL-Factores de procedencia \u00a0 \u00a0 \u00a0 RECONOCIMIENTO DE LA PENSION POR APORTES-Requisitos legales de Ley 71\/98 y r\u00e9gimen de transici\u00f3n de Ley 100\/93 \u00a0 \u00a0 \u00a0 REGIMEN DE TRANSICION-Definici\u00f3n y acceso \u00a0 \u00a0 \u00a0 REGIMEN DE TRANSICION-Vigencia hasta 2014 a partir de la promulgaci\u00f3n del Acto Legislativo 01\/05 \u00a0 \u00a0 \u00a0 DERECHO A LA ...<br \/><div class=\"pt-cv-rmwrap\"><a href=\"https:\/\/www.dmsjuridica.com\/buscador_20179478954\/corteconstitucionalcronologico202454587\/t-1069-12\/\" class=\"_self pt-cv-readmore btn btn-success\" target=\"_self\">Ver Sentencia Completa...<\/a><\/div><\/div><\/div><\/div>\n<div class=\"col-md-12 col-sm-12 col-xs-12 pt-cv-content-item pt-cv-1-col\" ><div class='pt-cv-ifield'><a href=\"https:\/\/www.dmsjuridica.com\/buscador_20179478954\/corteconstitucionalcronologico202454587\/t-1067-12\/\" class=\"_self pt-cv-href-thumbnail pt-cv-thumb-default\" target=\"_self\" ><\/a>\n<div class=\"pt-cv-taxoterm above_title\"><a href='https:\/\/www.dmsjuridica.com\/buscador_20179478954\/corteconstitucionalcronologico202454587\/category\/buscar-en-toda-la-corte\/2012\/tutelas-2012\/' title='Tutelas 2012' class='pt-cv-tax-tutelas-2012'>Tutelas 2012<\/a><\/div>\n<h4 class=\"pt-cv-title\"><a href=\"https:\/\/www.dmsjuridica.com\/buscador_20179478954\/corteconstitucionalcronologico202454587\/t-1067-12\/\" class=\"_self\" target=\"_self\" >T-1067-12<\/a><\/h4>\n<div class=\"pt-cv-content\">\u00a0 \u00a0 Sentencia T-1067\/12 \u00a0 \u00a0ACCION DE TUTELA CONTRA PROVIDENCIAS JUDICIALES-Reiteraci\u00f3n de jurisprudencia sobre procedencia excepcional \u00a0 \u00a0 \u00a0 ACCION DE TUTELA CONTRA PROVIDENCIAS JUDICIALES-Defectos que materializan la vulneraci\u00f3n del debido proceso \u00a0 \u00a0 \u00a0 ACCION DE TUTELA CONTRA PROVIDENCIAS JUDICIALES-Requisitos generales de procedencia \u00a0 \u00a0 \u00a0 PRINCIPIO DE CONGRUENCIA-Contenido \u00a0 \u00a0 \u00a0 PRINCIPIO DE CONGRUENCIA ENTRE IMPUTACION JURIDICA PROVISIONAL EN INDAGATORIA Y RESOLUCION DE ACUSACION-Garant\u00eda del derecho de defensa y debido proceso \u00a0 \u00a0 \u00a0 PRINCIPIO DE CONGRUENCIA-Formalidades de la indagatoria a la luz de la Ley 600\/00 \u00a0 \u00a0 \u00a0 PRINCIPIO DE CONGRUENCIA-Expresi\u00f3n y elemento esencial del derecho ...<br \/><div class=\"pt-cv-rmwrap\"><a href=\"https:\/\/www.dmsjuridica.com\/buscador_20179478954\/corteconstitucionalcronologico202454587\/t-1067-12\/\" class=\"_self pt-cv-readmore btn btn-success\" target=\"_self\">Ver Sentencia Completa...<\/a><\/div><\/div><\/div><\/div>\n<div class=\"col-md-12 col-sm-12 col-xs-12 pt-cv-content-item pt-cv-1-col\" ><div class='pt-cv-ifield'><a href=\"https:\/\/www.dmsjuridica.com\/buscador_20179478954\/corteconstitucionalcronologico202454587\/t-1066-12\/\" class=\"_self pt-cv-href-thumbnail pt-cv-thumb-default\" target=\"_self\" ><\/a>\n<div class=\"pt-cv-taxoterm above_title\"><a href='https:\/\/www.dmsjuridica.com\/buscador_20179478954\/corteconstitucionalcronologico202454587\/category\/buscar-en-toda-la-corte\/2012\/tutelas-2012\/' title='Tutelas 2012' class='pt-cv-tax-tutelas-2012'>Tutelas 2012<\/a><\/div>\n<h4 class=\"pt-cv-title\"><a href=\"https:\/\/www.dmsjuridica.com\/buscador_20179478954\/corteconstitucionalcronologico202454587\/t-1066-12\/\" class=\"_self\" target=\"_self\" >T-1066-12<\/a><\/h4>\n<div class=\"pt-cv-content\">\u00a0 \u00a0 Sentencia T-1066\/12 \u00a0 PRIMA DE SERVICIOS A DOCENTES OFICIALES-Reconocimiento y pago seg\u00fan ley 91\/89 \u00a0 \u00a0 \u00a0 LEGITIMACION POR ACTIVA EN TUTELA-Persona jur\u00eddica de derecho p\u00fablico titular de derechos fundamentales \u00a0 \u00a0 \u00a0 ENTIDAD TERRITORIAL-Persona jur\u00eddica de derecho p\u00fablico titular de derechos fundamentales \u00a0 \u00a0 \u00a0 ACCION DE TUTELA CONTRA PROVIDENCIAS JUDICIALES POR VIA DE HECHO-Tesis del Consejo de Estado \u00a0 \u00a0 \u00a0 ACCION DE TUTELA CONTRA PROVIDENCIAS JUDICIALES-Reiteraci\u00f3n de jurisprudencia sobre procedencia excepcional \u00a0 \u00a0 \u00a0 ACCION DE TUTELA CONTRA PROVIDENCIAS JUDICIALES-Requisitos generales de procedencia \u00a0 \u00a0 \u00a0 ACCION DE TUTELA CONTRA PROVIDENCIAS JUDICIALES-Causales espec\u00edficas de procedibilidad ...<br \/><div class=\"pt-cv-rmwrap\"><a href=\"https:\/\/www.dmsjuridica.com\/buscador_20179478954\/corteconstitucionalcronologico202454587\/t-1066-12\/\" class=\"_self pt-cv-readmore btn btn-success\" target=\"_self\">Ver Sentencia Completa...<\/a><\/div><\/div><\/div><\/div>\n<div class=\"col-md-12 col-sm-12 col-xs-12 pt-cv-content-item pt-cv-1-col\" ><div class='pt-cv-ifield'><a href=\"https:\/\/www.dmsjuridica.com\/buscador_20179478954\/corteconstitucionalcronologico202454587\/t-1065-12\/\" class=\"_self pt-cv-href-thumbnail pt-cv-thumb-default\" target=\"_self\" ><\/a>\n<div class=\"pt-cv-taxoterm above_title\"><a href='https:\/\/www.dmsjuridica.com\/buscador_20179478954\/corteconstitucionalcronologico202454587\/category\/buscar-en-toda-la-corte\/2012\/tutelas-2012\/' title='Tutelas 2012' class='pt-cv-tax-tutelas-2012'>Tutelas 2012<\/a><\/div>\n<h4 class=\"pt-cv-title\"><a href=\"https:\/\/www.dmsjuridica.com\/buscador_20179478954\/corteconstitucionalcronologico202454587\/t-1065-12\/\" class=\"_self\" target=\"_self\" >T-1065-12<\/a><\/h4>\n<div class=\"pt-cv-content\">\u00a0 \u00a0 Sentencia T-1065\/12 \u00a0 DERECHO FUNDAMENTAL A LA SALUD-Reiteraci\u00f3n de jurisprudencia \u00a0 \u00a0 \u00a0 SISTEMA DE SEGURIDAD SOCIAL EN SALUD DE MIEMBROS DE LA FUERZA PUBLICA Y POLICIA NACIONAL-R\u00e9gimen especial \u00a0 \u00a0 \u00a0 \u00a0 \u00a0 MANUAL UNICO DE MEDICAMENTOS Y TERAPEUTICA PARA EL SISTEMA DE SALUD DE LAS FUERZAS MILITARES Y POLICIA NACIONAL-Pertinencia de la prescripci\u00f3n y suministro \u00a0 \u00a0 \u00a0 PLAN DE BENEFICIOS DEL SISTEMA GENERAL DE SEGURIDAD SOCIAL EN SALUD-Inaplicaci\u00f3n de normas \u00a0 \u00a0 \u00a0 PLAN DE BENEFICIOS DEL SISTEMA GENERAL DE SEGURIDAD SOCIAL EN SALUD-Procedimiento, medicamento, tratamiento o intervenci\u00f3n incluye insumos o elementos necesarios para practicarlo ...<br \/><div class=\"pt-cv-rmwrap\"><a href=\"https:\/\/www.dmsjuridica.com\/buscador_20179478954\/corteconstitucionalcronologico202454587\/t-1065-12\/\" class=\"_self pt-cv-readmore btn btn-success\" target=\"_self\">Ver Sentencia Completa...<\/a><\/div><\/div><\/div><\/div>\n<div class=\"col-md-12 col-sm-12 col-xs-12 pt-cv-content-item pt-cv-1-col\" ><div class='pt-cv-ifield'><a href=\"https:\/\/www.dmsjuridica.com\/buscador_20179478954\/corteconstitucionalcronologico202454587\/t-1064-12\/\" class=\"_self pt-cv-href-thumbnail pt-cv-thumb-default\" target=\"_self\" ><\/a>\n<div class=\"pt-cv-taxoterm above_title\"><a href='https:\/\/www.dmsjuridica.com\/buscador_20179478954\/corteconstitucionalcronologico202454587\/category\/buscar-en-toda-la-corte\/2012\/tutelas-2012\/' title='Tutelas 2012' class='pt-cv-tax-tutelas-2012'>Tutelas 2012<\/a><\/div>\n<h4 class=\"pt-cv-title\"><a href=\"https:\/\/www.dmsjuridica.com\/buscador_20179478954\/corteconstitucionalcronologico202454587\/t-1064-12\/\" class=\"_self\" target=\"_self\" >T-1064-12<\/a><\/h4>\n<div class=\"pt-cv-content\">\u00a0 \u00a0 Sentencia T-1064\/12 \u00a0 ACCION DE TUTELA EN MATERIA DE DESPLAZAMIENTO FORZADO-Procedibilidad \u00a0 \u00a0 \u00a0 ACCION DE TUTELA DE POBLACION EN SITUACION DE DESPLAZAMIENTO FORZADO-Mecanismo judicial id\u00f3neo para amparar los derechos fundamentales \u00a0 \u00a0 \u00a0 DESPLAZADO INTERNO-Alcance del concepto \u00a0 \u00a0 \u00a0 DESPLAZADO INTERNO-Ambito internacional \u00a0 \u00a0 \u00a0 DESPLAZADO INTERNO Y PRINCIPIO PRO HOMINE-Aplicaci\u00f3n de norma m\u00e1s favorable para la v\u00edctima \u00a0 \u00a0 \u00a0 DESPLAZADO INTERNO-Calidad no depende de una decisi\u00f3n administrativa sino de una realidad objetiva \u00a0 \u00a0 \u00a0 DESPLAZADO INTERNO-Sujetos de especial protecci\u00f3n \u00a0 \u00a0 \u00a0 INSCRIPCION EN EL REGISTRO UNICO DE POBLACION DESPLAZADA-Marco normativo y pautas ...<br \/><div class=\"pt-cv-rmwrap\"><a href=\"https:\/\/www.dmsjuridica.com\/buscador_20179478954\/corteconstitucionalcronologico202454587\/t-1064-12\/\" class=\"_self pt-cv-readmore btn btn-success\" target=\"_self\">Ver Sentencia Completa...<\/a><\/div><\/div><\/div><\/div>\n<div class=\"col-md-12 col-sm-12 col-xs-12 pt-cv-content-item pt-cv-1-col\" ><div class='pt-cv-ifield'><a href=\"https:\/\/www.dmsjuridica.com\/buscador_20179478954\/corteconstitucionalcronologico202454587\/t-1063-12\/\" class=\"_self pt-cv-href-thumbnail pt-cv-thumb-default\" target=\"_self\" ><\/a>\n<div class=\"pt-cv-taxoterm above_title\"><a href='https:\/\/www.dmsjuridica.com\/buscador_20179478954\/corteconstitucionalcronologico202454587\/category\/buscar-en-toda-la-corte\/2012\/tutelas-2012\/' title='Tutelas 2012' class='pt-cv-tax-tutelas-2012'>Tutelas 2012<\/a><\/div>\n<h4 class=\"pt-cv-title\"><a href=\"https:\/\/www.dmsjuridica.com\/buscador_20179478954\/corteconstitucionalcronologico202454587\/t-1063-12\/\" class=\"_self\" target=\"_self\" >T-1063-12<\/a><\/h4>\n<div class=\"pt-cv-content\">\u00a0 \u00a0 \u00a0\u00a0 Sentencia T-1063\/12 \u00a0 ACTO ADMINISTRATIVO QUE DECLARA INSUBSISTENCIA DE FUNCIONARIOS EN PROVISIONALIDAD EN CARGO DE CARRERA-Necesidad de motivaci\u00f3n \u00a0 \u00a0 \u00a0 MOTIVACION DE ACTO ADMINISTRATIVO-Discrecionalidad relativa \u00a0 \u00a0 \u00a0 DESVINCULACION DE FUNCIONARIO QUE EJERCE CARGO EN PROVISIONALIDAD-Razones que puede invocar el nominador \u00a0 \u00a0 \u00a0 ACCION DE TUTELA PARA CONTROVERTIR ACTOS DE RETIRO DE FUNCIONARIOS NOMBRADOS EN PROVISIONALIDAD-Alcance \u00a0 \u00a0 \u00a0 ACCION DE TUTELA POR ACCION U OMISION DE AUTORIDAD PUBLICA-Procedencia excepcional \u00a0 \u00a0 \u00a0 ACCION DE TUTELA CONTRA PROVIDENCIAS JUDICIALES-Requisitos generales de procedencia \u00a0 \u00a0 \u00a0 ACCION DE TUTELA CONTRA PROVIDENCIAS JUDICIALES-Causales especiales de procedibilidad \u00a0 ...<br \/><div class=\"pt-cv-rmwrap\"><a href=\"https:\/\/www.dmsjuridica.com\/buscador_20179478954\/corteconstitucionalcronologico202454587\/t-1063-12\/\" class=\"_self pt-cv-readmore btn btn-success\" target=\"_self\">Ver Sentencia Completa...<\/a><\/div><\/div><\/div><\/div>\n<div class=\"col-md-12 col-sm-12 col-xs-12 pt-cv-content-item pt-cv-1-col\" ><div class='pt-cv-ifield'><a href=\"https:\/\/www.dmsjuridica.com\/buscador_20179478954\/corteconstitucionalcronologico202454587\/t-1062-12\/\" class=\"_self pt-cv-href-thumbnail pt-cv-thumb-default\" target=\"_self\" ><\/a>\n<div class=\"pt-cv-taxoterm above_title\"><a href='https:\/\/www.dmsjuridica.com\/buscador_20179478954\/corteconstitucionalcronologico202454587\/category\/buscar-en-toda-la-corte\/2012\/tutelas-2012\/' title='Tutelas 2012' class='pt-cv-tax-tutelas-2012'>Tutelas 2012<\/a><\/div>\n<h4 class=\"pt-cv-title\"><a href=\"https:\/\/www.dmsjuridica.com\/buscador_20179478954\/corteconstitucionalcronologico202454587\/t-1062-12\/\" class=\"_self\" target=\"_self\" >T-1062-12<\/a><\/h4>\n<div class=\"pt-cv-content\">\u00a0 \u00a0 Sentencia T-1062\/12 \u00a0 LICENCIA DE MATERNIDAD-Protecci\u00f3n \u00a0 \u00a0 \u00a0 \u00a0 \u00a0 ACCION DE TUTELA PARA RECLAMAR LICENCIA DE MATERNIDAD-T\u00e9rmino de un a\u00f1o contado a partir del nacimiento de la ni\u00f1a o ni\u00f1o \u00a0 \u00a0 \u00a0 DERECHO AL PAGO DE SALARIO DE MADRE TRABAJADORA DESPUES DEL PARTO-Esencial para la subsistencia\/DERECHO AL MINIMO VITAL-Vulneraci\u00f3n por no pago de licencia de maternidad al no coincidir n\u00famero de semanas de cotizaci\u00f3n con las de gestaci\u00f3n \u00a0 \u00a0 \u00a0 ALLANAMIENTO A LA MORA-Pagos extempor\u00e1neos recibidos por EPS \u00a0 \u00a0 \u00a0 DERECHO A LA SEGURIDAD SOCIAL Y MINIMO VITAL-Reconocimiento y pago de licencia de ...<br \/><div class=\"pt-cv-rmwrap\"><a href=\"https:\/\/www.dmsjuridica.com\/buscador_20179478954\/corteconstitucionalcronologico202454587\/t-1062-12\/\" class=\"_self pt-cv-readmore btn btn-success\" target=\"_self\">Ver Sentencia Completa...<\/a><\/div><\/div><\/div><\/div>\n<div class=\"col-md-12 col-sm-12 col-xs-12 pt-cv-content-item pt-cv-1-col\" ><div class='pt-cv-ifield'><a href=\"https:\/\/www.dmsjuridica.com\/buscador_20179478954\/corteconstitucionalcronologico202454587\/t-1061-12\/\" class=\"_self pt-cv-href-thumbnail pt-cv-thumb-default\" target=\"_self\" ><\/a>\n<div class=\"pt-cv-taxoterm above_title\"><a href='https:\/\/www.dmsjuridica.com\/buscador_20179478954\/corteconstitucionalcronologico202454587\/category\/buscar-en-toda-la-corte\/2012\/tutelas-2012\/' title='Tutelas 2012' class='pt-cv-tax-tutelas-2012'>Tutelas 2012<\/a><\/div>\n<h4 class=\"pt-cv-title\"><a href=\"https:\/\/www.dmsjuridica.com\/buscador_20179478954\/corteconstitucionalcronologico202454587\/t-1061-12\/\" class=\"_self\" target=\"_self\" >T-1061-12<\/a><\/h4>\n<div class=\"pt-cv-content\">\u00a0 \u00a0 Sentencia T-1061\/12\u00a0 \u00a0 DERECHO A LA SEGURIDAD SOCIAL COMO DERECHO FUNDAMENTAL IRRENUNCIABLE \u00a0 \u00a0 \u00a0 DERECHO A LA SEGURIDAD SOCIAL-Reconocimiento del car\u00e1cter fundamental en el \u00e1mbito internacional \u00a0 \u00a0 \u00a0 ACCION DE TUTELA EN MATERIA DE SEGURIDAD SOCIAL-Procedencia excepcional \u00a0 \u00a0 \u00a0 REGIMEN DE TRANSICION-Traslado de reg\u00edmenes tiene repercusiones en el derecho a la pensi\u00f3n ya que hace m\u00e1s exigentes las condiciones para acceder a la prestaci\u00f3n \u00a0 \u00a0 \u00a0 REGIMEN DE TRANSICION-Aplicabilidad adquiere relevancia constitucional por encontrarse en juego derecho fundamental \u00a0 \u00a0 \u00a0 ACCION DE TUTELA DE PERSONA EN ESTADO DE DEBILIDAD MANIFIESTA EN MATERIA DE ...<br \/><div class=\"pt-cv-rmwrap\"><a href=\"https:\/\/www.dmsjuridica.com\/buscador_20179478954\/corteconstitucionalcronologico202454587\/t-1061-12\/\" class=\"_self pt-cv-readmore btn btn-success\" target=\"_self\">Ver Sentencia Completa...<\/a><\/div><\/div><\/div><\/div>\n<div class=\"col-md-12 col-sm-12 col-xs-12 pt-cv-content-item pt-cv-1-col\" ><div class='pt-cv-ifield'><a href=\"https:\/\/www.dmsjuridica.com\/buscador_20179478954\/corteconstitucionalcronologico202454587\/t-1060-12\/\" class=\"_self pt-cv-href-thumbnail pt-cv-thumb-default\" target=\"_self\" ><\/a>\n<div class=\"pt-cv-taxoterm above_title\"><a href='https:\/\/www.dmsjuridica.com\/buscador_20179478954\/corteconstitucionalcronologico202454587\/category\/buscar-en-toda-la-corte\/2012\/tutelas-2012\/' title='Tutelas 2012' class='pt-cv-tax-tutelas-2012'>Tutelas 2012<\/a><\/div>\n<h4 class=\"pt-cv-title\"><a href=\"https:\/\/www.dmsjuridica.com\/buscador_20179478954\/corteconstitucionalcronologico202454587\/t-1060-12\/\" class=\"_self\" target=\"_self\" >T-1060-12<\/a><\/h4>\n<div class=\"pt-cv-content\">\u00a0 \u00a0 Sentencia T-1060\/12 \u00a0 DERECHO A LA SALUD DE PERSONA DE LA TERCERA EDAD COMO DERECHO FUNDAMENTAL-Reiteraci\u00f3n de jurisprudencia\u00a0 \u00a0 En cuanto a la protecci\u00f3n del Estado, trat\u00e1ndose de las personas pertenecientes a la tercera edad, esta corporaci\u00f3n ha se\u00f1alado que conforme con el art\u00edculo 13 de la Constituci\u00f3n Pol\u00edtica, el Estado deber\u00e1 protegerlas en raz\u00f3n de que \u00e9stas se encuentran en circunstancias de debilidad manifiesta, pues se ven obligadas a\u00a0\u201cafrontar el deterioro irreversible y progresivo de su salud por el desgaste natural del organismo y consecuente con ello al advenimiento de diversas enfermedades propias de la vejez\u201d,\u00a0raz\u00f3n por ...<br \/><div class=\"pt-cv-rmwrap\"><a href=\"https:\/\/www.dmsjuridica.com\/buscador_20179478954\/corteconstitucionalcronologico202454587\/t-1060-12\/\" class=\"_self pt-cv-readmore btn btn-success\" target=\"_self\">Ver Sentencia Completa...<\/a><\/div><\/div><\/div><\/div>\n<div class=\"col-md-12 col-sm-12 col-xs-12 pt-cv-content-item pt-cv-1-col\" ><div class='pt-cv-ifield'><a href=\"https:\/\/www.dmsjuridica.com\/buscador_20179478954\/corteconstitucionalcronologico202454587\/t-106-12\/\" class=\"_self pt-cv-href-thumbnail pt-cv-thumb-default\" target=\"_self\" ><\/a>\n<div class=\"pt-cv-taxoterm above_title\"><a href='https:\/\/www.dmsjuridica.com\/buscador_20179478954\/corteconstitucionalcronologico202454587\/category\/buscar-en-toda-la-corte\/2012\/tutelas-2012\/' title='Tutelas 2012' class='pt-cv-tax-tutelas-2012'>Tutelas 2012<\/a><\/div>\n<h4 class=\"pt-cv-title\"><a href=\"https:\/\/www.dmsjuridica.com\/buscador_20179478954\/corteconstitucionalcronologico202454587\/t-106-12\/\" class=\"_self\" target=\"_self\" >T-106-12<\/a><\/h4>\n<div class=\"pt-cv-content\">\u00a0 \u00a0 Sentencia T-106\/12 \u00a0 TIEMPO DE PRESTACION DE SERVICIO MILITAR OBLIGATORIO-Debe computarse como tiempo de servicio v\u00e1lido para tr\u00e1mite de pensi\u00f3n de jubilaci\u00f3n\u00a0 \u00a0 Esta norma ha sido aplicada por el Consejo de Estado y la Corte Suprema de Justicia, indicado que el beneficio consignado en el literal a) del art\u00edculo 40 de la Ley 48 de 1993, implica que toda persona que haya prestado el servicio militar obligatorio tiene derecho a que las entidades p\u00fablicas contabilicen ese t\u00e9rmino como tiempo \u00fatil para reconocerle la pensi\u00f3n de jubilaci\u00f3n. As\u00ed, es un derecho de todo colombiano que prest\u00f3 el servicio ...<br \/><div class=\"pt-cv-rmwrap\"><a href=\"https:\/\/www.dmsjuridica.com\/buscador_20179478954\/corteconstitucionalcronologico202454587\/t-106-12\/\" class=\"_self pt-cv-readmore btn btn-success\" target=\"_self\">Ver Sentencia Completa...<\/a><\/div><\/div><\/div><\/div>\n<div class=\"col-md-12 col-sm-12 col-xs-12 pt-cv-content-item pt-cv-1-col\" ><div class='pt-cv-ifield'><a href=\"https:\/\/www.dmsjuridica.com\/buscador_20179478954\/corteconstitucionalcronologico202454587\/t-1059-12\/\" class=\"_self pt-cv-href-thumbnail pt-cv-thumb-default\" target=\"_self\" ><\/a>\n<div class=\"pt-cv-taxoterm above_title\"><a href='https:\/\/www.dmsjuridica.com\/buscador_20179478954\/corteconstitucionalcronologico202454587\/category\/buscar-en-toda-la-corte\/2012\/tutelas-2012\/' title='Tutelas 2012' class='pt-cv-tax-tutelas-2012'>Tutelas 2012<\/a><\/div>\n<h4 class=\"pt-cv-title\"><a href=\"https:\/\/www.dmsjuridica.com\/buscador_20179478954\/corteconstitucionalcronologico202454587\/t-1059-12\/\" class=\"_self\" target=\"_self\" >T-1059-12<\/a><\/h4>\n<div class=\"pt-cv-content\">\u00a0 \u00a0 Sentencia T-1059\/12 \u00a0 PRINCIPIO DE INMEDIATEZ COMO REQUISITO DE PROCEDIBILIDAD DE LA ACCION DE TUTELA-Caso en que no se satisface el requisito por interponerse m\u00e1s de 7 a\u00f1os despu\u00e9s de ocurrida la presunta conculcaci\u00f3n de los derechos fundamentales \u00a0 La eficacia de la acci\u00f3n de tutela frente a la protecci\u00f3n de los derechos fundamentales se encuentra relacionada directamente con la aplicaci\u00f3n del principio de la inmediatez, requisito sine qua non de procedibilidad de dicho mecanismo, dado que su objetivo primordial se encuentra orientado hacia la protecci\u00f3n actual, inmediata y efectiva de derechos fundamentales. Bajo ese \u00a0contexto, la jurisprudencia ...<br \/><div class=\"pt-cv-rmwrap\"><a href=\"https:\/\/www.dmsjuridica.com\/buscador_20179478954\/corteconstitucionalcronologico202454587\/t-1059-12\/\" class=\"_self pt-cv-readmore btn btn-success\" target=\"_self\">Ver Sentencia Completa...<\/a><\/div><\/div><\/div><\/div>\n<div class=\"col-md-12 col-sm-12 col-xs-12 pt-cv-content-item pt-cv-1-col\" ><div class='pt-cv-ifield'><a href=\"https:\/\/www.dmsjuridica.com\/buscador_20179478954\/corteconstitucionalcronologico202454587\/t-1058-12\/\" class=\"_self pt-cv-href-thumbnail pt-cv-thumb-default\" target=\"_self\" ><\/a>\n<div class=\"pt-cv-taxoterm above_title\"><a href='https:\/\/www.dmsjuridica.com\/buscador_20179478954\/corteconstitucionalcronologico202454587\/category\/buscar-en-toda-la-corte\/2012\/tutelas-2012\/' title='Tutelas 2012' class='pt-cv-tax-tutelas-2012'>Tutelas 2012<\/a><\/div>\n<h4 class=\"pt-cv-title\"><a href=\"https:\/\/www.dmsjuridica.com\/buscador_20179478954\/corteconstitucionalcronologico202454587\/t-1058-12\/\" class=\"_self\" target=\"_self\" >T-1058-12<\/a><\/h4>\n<div class=\"pt-cv-content\">\u00a0 \u00a0 Sentencia T-1058\/12 \u00a0 ACCION DE TUTELA DE ESTUDIANTES CONTRA DEPARTAMENTO-Funcionamiento de infraestructura f\u00edsica de bater\u00edas sanitarias en ba\u00f1os de colegio por problemas de higiene y salubridad \u00a0 \u00a0 \u00a0 LEGITIMACION POR ACTIVA EN TUTELA-Ejercicio de personero municipal en representaci\u00f3n de estudiantes por problemas de higiene y salubridad en bater\u00eda sanitaria y pozo s\u00e9ptico en ba\u00f1os de colegio \u00a0 \u00a0 \u00a0 ACCION DE TUTELA FRENTE A MEDIO DE DEFENSA JUDICIAL-Procedencia excepcional para evitar un perjuicio irremediable \u00a0 \u00a0 \u00a0 PERJUICIO IRREMEDIABLE-Elementos \u00a0 \u00a0 \u00a0 DERECHO A LA EDUCACION-Car\u00e1cter\u00a0fundamental \u00a0 \u00a0 \u00a0 \u00a0 \u00a0 DERECHO A LA EDUCACION-Corresponde\u00a0al Estado direccionar ...<br \/><div class=\"pt-cv-rmwrap\"><a href=\"https:\/\/www.dmsjuridica.com\/buscador_20179478954\/corteconstitucionalcronologico202454587\/t-1058-12\/\" class=\"_self pt-cv-readmore btn btn-success\" target=\"_self\">Ver Sentencia Completa...<\/a><\/div><\/div><\/div><\/div>\n<div class=\"col-md-12 col-sm-12 col-xs-12 pt-cv-content-item pt-cv-1-col\" ><div class='pt-cv-ifield'><a href=\"https:\/\/www.dmsjuridica.com\/buscador_20179478954\/corteconstitucionalcronologico202454587\/t-105-12\/\" class=\"_self pt-cv-href-thumbnail pt-cv-thumb-default\" target=\"_self\" ><\/a>\n<div class=\"pt-cv-taxoterm above_title\"><a href='https:\/\/www.dmsjuridica.com\/buscador_20179478954\/corteconstitucionalcronologico202454587\/category\/buscar-en-toda-la-corte\/2012\/tutelas-2012\/' title='Tutelas 2012' class='pt-cv-tax-tutelas-2012'>Tutelas 2012<\/a><\/div>\n<h4 class=\"pt-cv-title\"><a href=\"https:\/\/www.dmsjuridica.com\/buscador_20179478954\/corteconstitucionalcronologico202454587\/t-105-12\/\" class=\"_self\" target=\"_self\" >T-105-12<\/a><\/h4>\n<div class=\"pt-cv-content\">\u00a0 \u00a0 \u00a0 \u00a0 PENSION DE VEJEZ-Derecho a reconocimiento por acumulaci\u00f3n de aportes al sector p\u00fablico y privado antes de entrar en vigencia ley 100\/93 \u00a0 Resulta pertinente recordar lo expuesto en la Resoluci\u00f3n N\u00b0 03854 de septiembre 27 de 2010, que resolvi\u00f3 el recurso contra la Resoluci\u00f3n N\u00b0 055447 de noviembre 24 de 2008, se\u00f1alando que el accionante no era beneficiario de la pensi\u00f3n de conformidad con la ley 71 de 1988, por no haber cotizado \u201cal ISS con anterioridad a la vigencia del Sistema General de Pensiones, es decir (01 de abril de 1994)\u201d. Ello no es de ...<br \/><div class=\"pt-cv-rmwrap\"><a href=\"https:\/\/www.dmsjuridica.com\/buscador_20179478954\/corteconstitucionalcronologico202454587\/t-105-12\/\" class=\"_self pt-cv-readmore btn btn-success\" target=\"_self\">Ver Sentencia Completa...<\/a><\/div><\/div><\/div><\/div>\n<div class=\"col-md-12 col-sm-12 col-xs-12 pt-cv-content-item pt-cv-1-col\" ><div class='pt-cv-ifield'><a href=\"https:\/\/www.dmsjuridica.com\/buscador_20179478954\/corteconstitucionalcronologico202454587\/t-1049-12\/\" class=\"_self pt-cv-href-thumbnail pt-cv-thumb-default\" target=\"_self\" ><\/a>\n<div class=\"pt-cv-taxoterm above_title\"><a href='https:\/\/www.dmsjuridica.com\/buscador_20179478954\/corteconstitucionalcronologico202454587\/category\/buscar-en-toda-la-corte\/2012\/tutelas-2012\/' title='Tutelas 2012' class='pt-cv-tax-tutelas-2012'>Tutelas 2012<\/a><\/div>\n<h4 class=\"pt-cv-title\"><a href=\"https:\/\/www.dmsjuridica.com\/buscador_20179478954\/corteconstitucionalcronologico202454587\/t-1049-12\/\" class=\"_self\" target=\"_self\" >T-1049-12<\/a><\/h4>\n<div class=\"pt-cv-content\">\u00a0 \u00a0 Sentencia T-1049\/12 \u00a0 \u00a0 \u00a0 ACCION DE TUTELA CONTRA PROVIDENCIAS JUDICIALES-Reiteraci\u00f3n de jurisprudencia sobre procedencia excepcional \u00a0 ACCION DE TUTELA CONTRA PROVIDENCIAS JUDICIALES-Requisitos formales de procedibilidad \u00a0 \u00a0 \u00a0 ACCION DE TUTELA CONTRA PROVIDENCIAS JUDICIALES-Requisitos gen\u00e9ricos de procedibilidad \u00a0 \u00a0 \u00a0 DEFECTO PROCEDIMENTAL-Configuraci\u00f3n \u00a0 \u00a0 \u00a0 DEBIDO PROCESO EN PROCESO PENAL-Vulneraci\u00f3n por ausencia de notificaci\u00f3n y defensa t\u00e9cnica \u00a0 \u00a0 \u00a0 ACCION DE TUTELA CONTRA PROVIDENCIAS JUDICIALES POR DEFECTO PROCEDIMENTAL-Elementos \u00a0 \u00a0 \u00a0 NOTIFICACION-Finalidad \u00a0 \u00a0 \u00a0 NOTIFICACION EN MATERIA PENAL-Importancia \u00a0 \u00a0 \u00a0 ACCION DE TUTELA CONTRA PROVIDENCIAS JUDICIALES POR IRREGULARIDADES EN LA NOTIFICACION-Procedencia \u00a0 \u00a0 \u00a0 ...<br \/><div class=\"pt-cv-rmwrap\"><a href=\"https:\/\/www.dmsjuridica.com\/buscador_20179478954\/corteconstitucionalcronologico202454587\/t-1049-12\/\" class=\"_self pt-cv-readmore btn btn-success\" target=\"_self\">Ver Sentencia Completa...<\/a><\/div><\/div><\/div><\/div>\n<div class=\"col-md-12 col-sm-12 col-xs-12 pt-cv-content-item pt-cv-1-col\" ><div class='pt-cv-ifield'><a href=\"https:\/\/www.dmsjuridica.com\/buscador_20179478954\/corteconstitucionalcronologico202454587\/t-1048-12\/\" class=\"_self pt-cv-href-thumbnail pt-cv-thumb-default\" target=\"_self\" ><\/a>\n<div class=\"pt-cv-taxoterm above_title\"><a href='https:\/\/www.dmsjuridica.com\/buscador_20179478954\/corteconstitucionalcronologico202454587\/category\/buscar-en-toda-la-corte\/2012\/tutelas-2012\/' title='Tutelas 2012' class='pt-cv-tax-tutelas-2012'>Tutelas 2012<\/a><\/div>\n<h4 class=\"pt-cv-title\"><a href=\"https:\/\/www.dmsjuridica.com\/buscador_20179478954\/corteconstitucionalcronologico202454587\/t-1048-12\/\" class=\"_self\" target=\"_self\" >T-1048-12<\/a><\/h4>\n<div class=\"pt-cv-content\">\u00a0 \u00a0 Sentencia T-1048\/12 \u00a0 ACCION DE TUTELA DE PATRULLERO Y SOLDADO PROFESIONAL CONTRA POLICIA NACIONAL Y EJERCITO NACIONAL-Retiro del servicio activo por disminuci\u00f3n de capacidad psicof\u00edsica \u00a0 \u00a0 \u00a0 PERSONAS DISCAPACITADAS COMO SUJETOS DE ESPECIAL PROTECCION-Reiteraci\u00f3n de jurisprudencia \u00a0 \u00a0 \u00a0 ESTABILIDAD LABORAL REFORZADA-Protecci\u00f3n \u00a0 \u00a0 \u00a0 ACCION DE TUTELA DE SUJETOS DE ESPECIAL PROTECCION-Reintegro a cargo ocupado o reubicaci\u00f3n en el empleo \u00a0 \u00a0 \u00a0 PERSONAL DE LA POLICIA NACIONAL Y SOLDADOS PROFESIONALES DEL EJERCITO NACIONAL-R\u00e9gimen de vinculaci\u00f3n y retiro \u00a0 \u00a0 \u00a0 \u00a0 \u00a0 CAPACIDAD PSICOFISICA DE MIEMBROS DE LA FUERZA PUBLICA-Definici\u00f3n \u00a0 \u00a0 \u00a0 CAPACIDAD PSICOFISICA ...<br \/><div class=\"pt-cv-rmwrap\"><a href=\"https:\/\/www.dmsjuridica.com\/buscador_20179478954\/corteconstitucionalcronologico202454587\/t-1048-12\/\" class=\"_self pt-cv-readmore btn btn-success\" target=\"_self\">Ver Sentencia Completa...<\/a><\/div><\/div><\/div><\/div>\n<div class=\"col-md-12 col-sm-12 col-xs-12 pt-cv-content-item pt-cv-1-col\" ><div class='pt-cv-ifield'><a href=\"https:\/\/www.dmsjuridica.com\/buscador_20179478954\/corteconstitucionalcronologico202454587\/t-1047-12\/\" class=\"_self pt-cv-href-thumbnail pt-cv-thumb-default\" target=\"_self\" ><\/a>\n<div class=\"pt-cv-taxoterm above_title\"><a href='https:\/\/www.dmsjuridica.com\/buscador_20179478954\/corteconstitucionalcronologico202454587\/category\/buscar-en-toda-la-corte\/2012\/tutelas-2012\/' title='Tutelas 2012' class='pt-cv-tax-tutelas-2012'>Tutelas 2012<\/a><\/div>\n<h4 class=\"pt-cv-title\"><a href=\"https:\/\/www.dmsjuridica.com\/buscador_20179478954\/corteconstitucionalcronologico202454587\/t-1047-12\/\" class=\"_self\" target=\"_self\" >T-1047-12<\/a><\/h4>\n<div class=\"pt-cv-content\">\u00a0 \u00a0 Sentencia T-1047\/12 \u00a0 ACCION DE TUTELA CONTRA PROVIDENCIAS JUDICIALES-Reiteraci\u00f3n de jurisprudencia sobre procedencia excepcional \u00a0 \u00a0 \u00a0 ACCION DE TUTELA CONTRA PROVIDENCIAS JUDICIALES-Requisitos generales de procedencia \u00a0 \u00a0 \u00a0 ACCION DE TUTELA CONTRA PROVIDENCIAS JUDICIALES-Causales especiales de procedibilidad \u00a0 \u00a0 \u00a0 ACCION DE TUTELA FRENTE A MEDIO DE DEFENSA JUDICIAL-Procedencia excepcional como mecanismo transitorio para evitar un perjuicio irremediable \u00a0 \u00a0 \u00a0 NEGACION E IMPROCEDENCIA DE LA ACCION DE TUTELA-Diferencia \u00a0 \u00a0 \u00a0 ACCION DE TUTELA EN PROCESO DE DECLARACION DE MUERTE PRESUNTA DE HIJO PARA PAGO DE POLIZA DE SEGURO DE VIDA-Improcedencia por no presentar recurso de ...<br \/><div class=\"pt-cv-rmwrap\"><a href=\"https:\/\/www.dmsjuridica.com\/buscador_20179478954\/corteconstitucionalcronologico202454587\/t-1047-12\/\" class=\"_self pt-cv-readmore btn btn-success\" target=\"_self\">Ver Sentencia Completa...<\/a><\/div><\/div><\/div><\/div>\n<div class=\"col-md-12 col-sm-12 col-xs-12 pt-cv-content-item pt-cv-1-col\" ><div class='pt-cv-ifield'><a href=\"https:\/\/www.dmsjuridica.com\/buscador_20179478954\/corteconstitucionalcronologico202454587\/t-1046-12\/\" class=\"_self pt-cv-href-thumbnail pt-cv-thumb-default\" target=\"_self\" ><\/a>\n<div class=\"pt-cv-taxoterm above_title\"><a href='https:\/\/www.dmsjuridica.com\/buscador_20179478954\/corteconstitucionalcronologico202454587\/category\/buscar-en-toda-la-corte\/2012\/tutelas-2012\/' title='Tutelas 2012' class='pt-cv-tax-tutelas-2012'>Tutelas 2012<\/a><\/div>\n<h4 class=\"pt-cv-title\"><a href=\"https:\/\/www.dmsjuridica.com\/buscador_20179478954\/corteconstitucionalcronologico202454587\/t-1046-12\/\" class=\"_self\" target=\"_self\" >T-1046-12<\/a><\/h4>\n<div class=\"pt-cv-content\">\u00a0 \u00a0 Sentencia T-1046\/12 \u00a0 ACCION DE TUTELA PARA RECONOCIMIENTO Y PAGO DE ACREENCIAS LABORALES-Procedencia excepcional \u00a0 \u00a0 \u00a0 COBRO DE ACREENCIAS LABORALES-Competencia de la jurisdicci\u00f3n ordinaria laboral o contencioso administrativa seg\u00fan el caso \u00a0 \u00a0 \u00a0 MINIMO VITAL-Definici\u00f3n \u00a0 \u00a0 \u00a0 SALARIO-Concepto \u00a0 \u00a0 \u00a0 ACCION DE TUTELA PARA RECONOCIMIENTO Y PAGO DE ACREENCIAS LABORALES-Supuestos de procedencia por vulneraci\u00f3n del m\u00ednimo vital \u00a0 \u00a0 \u00a0 ACCION DE TUTELA CONTRA ALCALDIA-Improcedencia para reclamar el pago de vacaciones adeudadas por periodos laborados como Director de Tr\u00e1nsito y Transporte por existir otro medio de defensa judicial \u00a0 Referencia: expediente T-3.585.265\u00a0 \u00a0 Acci\u00f3n ...<br \/><div class=\"pt-cv-rmwrap\"><a href=\"https:\/\/www.dmsjuridica.com\/buscador_20179478954\/corteconstitucionalcronologico202454587\/t-1046-12\/\" class=\"_self pt-cv-readmore btn btn-success\" target=\"_self\">Ver Sentencia Completa...<\/a><\/div><\/div><\/div><\/div>\n<div class=\"col-md-12 col-sm-12 col-xs-12 pt-cv-content-item pt-cv-1-col\" ><div class='pt-cv-ifield'><a href=\"https:\/\/www.dmsjuridica.com\/buscador_20179478954\/corteconstitucionalcronologico202454587\/t-1045-12\/\" class=\"_self pt-cv-href-thumbnail pt-cv-thumb-default\" target=\"_self\" ><\/a>\n<div class=\"pt-cv-taxoterm above_title\"><a href='https:\/\/www.dmsjuridica.com\/buscador_20179478954\/corteconstitucionalcronologico202454587\/category\/buscar-en-toda-la-corte\/2012\/tutelas-2012\/' title='Tutelas 2012' class='pt-cv-tax-tutelas-2012'>Tutelas 2012<\/a><\/div>\n<h4 class=\"pt-cv-title\"><a href=\"https:\/\/www.dmsjuridica.com\/buscador_20179478954\/corteconstitucionalcronologico202454587\/t-1045-12\/\" class=\"_self\" target=\"_self\" >T-1045-12<\/a><\/h4>\n<div class=\"pt-cv-content\">\u00a0 \u00a0 Sentencia T-1045\/12 \u00a0 ACCION DE TUTELA CONTRA PROVIDENCIAS JUDICIALES-Reiteraci\u00f3n de jurisprudencia sobre procedencia excepcional\u00a0 \u00a0 \u00a0 \u00a0 ACCION DE TUTELA CONTRA PROVIDENCIAS JUDICIALES-Requisitos generales de procedencia \u00a0 \u00a0 \u00a0 ACCION DE TUTELA CONTRA PROVIDENCIAS JUDICIALES-Causales espec\u00edficas de procedibilidad \u00a0 \u00a0 \u00a0 DEFECTO SUSTANTIVO-Grave error en la interpretaci\u00f3n de la norma aplicada \u00a0 \u00a0 \u00a0 DEFECTO SUSTANTIVO-Interpretaci\u00f3n err\u00f3nea o irrazonable de la norma jur\u00eddica \u00a0 \u00a0 \u00a0 DEFECTO PROCEDIMENTAL POR EXCESO RITUAL MANIFIESTO \u00a0 \u00a0 \u00a0 VIA DE HECHO-Fallo inhibitorio por exceso ritual manifiesto \u00a0 \u00a0 \u00a0 JUEZ-Debe abstenerse de emitir fallo inhibitorio cuando sistema jur\u00eddico ofrece alternativa hermen\u00e9utica ...<br \/><div class=\"pt-cv-rmwrap\"><a href=\"https:\/\/www.dmsjuridica.com\/buscador_20179478954\/corteconstitucionalcronologico202454587\/t-1045-12\/\" class=\"_self pt-cv-readmore btn btn-success\" target=\"_self\">Ver Sentencia Completa...<\/a><\/div><\/div><\/div><\/div>\n<div class=\"col-md-12 col-sm-12 col-xs-12 pt-cv-content-item pt-cv-1-col\" ><div class='pt-cv-ifield'><a href=\"https:\/\/www.dmsjuridica.com\/buscador_20179478954\/corteconstitucionalcronologico202454587\/t-1044-12\/\" class=\"_self pt-cv-href-thumbnail pt-cv-thumb-default\" target=\"_self\" ><\/a>\n<div class=\"pt-cv-taxoterm above_title\"><a href='https:\/\/www.dmsjuridica.com\/buscador_20179478954\/corteconstitucionalcronologico202454587\/category\/buscar-en-toda-la-corte\/2012\/tutelas-2012\/' title='Tutelas 2012' class='pt-cv-tax-tutelas-2012'>Tutelas 2012<\/a><\/div>\n<h4 class=\"pt-cv-title\"><a href=\"https:\/\/www.dmsjuridica.com\/buscador_20179478954\/corteconstitucionalcronologico202454587\/t-1044-12\/\" class=\"_self\" target=\"_self\" >T-1044-12<\/a><\/h4>\n<div class=\"pt-cv-content\">\u00a0 \u00a0 Sentencia T-1044\/12 \u00a0 DERECHO A LA VIVIENDA DIGNA DE POBLACION DESPLAZADA-Reiteraci\u00f3n de jurisprudencia \u00a0 \u00a0 \u00a0 SUBSIDIO FAMILIAR DE VIVIENDA-Marco constitucional y legal \u00a0 \u00a0 \u00a0 FONDO NACIONAL DE VIVIENDA FONVIVIENDA-Entrega de subsidios de vivienda urbana \u00a0 \u00a0 \u00a0 DEBIDO PROCESO EN ACTUACIONES ADMINISTRATIVAS-Garant\u00eda fundamental \u00a0 \u00a0 \u00a0 ACCION DE TUTELA-Ejercicio por defensor del pueblo y personeros municipales \u00a0 \u00a0 \u00a0 ACCION DE TUTELA DE MADRE CABEZA DE FAMILIA DESPLAZADA Y MENOR DE EDAD CONTRA FONDO NACIONAL DE VIVIENDA FONVIVIENDA-Inclusi\u00f3n en convocatoria para asignaci\u00f3n de subsidio familiar de vivienda \u00a0 Acci\u00f3n de tutela instaurada por el Defensor del ...<br \/><div class=\"pt-cv-rmwrap\"><a href=\"https:\/\/www.dmsjuridica.com\/buscador_20179478954\/corteconstitucionalcronologico202454587\/t-1044-12\/\" class=\"_self pt-cv-readmore btn btn-success\" target=\"_self\">Ver Sentencia Completa...<\/a><\/div><\/div><\/div><\/div>\n<div class=\"col-md-12 col-sm-12 col-xs-12 pt-cv-content-item pt-cv-1-col\" ><div class='pt-cv-ifield'><a href=\"https:\/\/www.dmsjuridica.com\/buscador_20179478954\/corteconstitucionalcronologico202454587\/t-1043-12\/\" class=\"_self pt-cv-href-thumbnail pt-cv-thumb-default\" target=\"_self\" ><\/a>\n<div class=\"pt-cv-taxoterm above_title\"><a href='https:\/\/www.dmsjuridica.com\/buscador_20179478954\/corteconstitucionalcronologico202454587\/category\/buscar-en-toda-la-corte\/2012\/tutelas-2012\/' title='Tutelas 2012' class='pt-cv-tax-tutelas-2012'>Tutelas 2012<\/a><\/div>\n<h4 class=\"pt-cv-title\"><a href=\"https:\/\/www.dmsjuridica.com\/buscador_20179478954\/corteconstitucionalcronologico202454587\/t-1043-12\/\" class=\"_self\" target=\"_self\" >T-1043-12<\/a><\/h4>\n<div class=\"pt-cv-content\">\u00a0 \u00a0 \u00a0\u00a0 Sentencia T-1043\/12 \u00a0 \u00a0 \u00a0 ACCION DE TUTELA CONTRA PROVIDENCIAS JUDICIALES-Requisitos generales de procedencia \u00a0 \u00a0 \u00a0 ACCION DE TUTELA CONTRA PROVIDENCIAS JUDICIALES-Causales especiales de procedibilidad \u00a0 \u00a0 \u00a0 DERECHO A LA PENSION DE SOBREVIVIENTES EN REGIMEN ESPECIAL DE FUERZAS MILITARES-Inaplicaci\u00f3n del Sistema Integral de Seguridad Social seg\u00fan Ley 100\/93 \u00a0 \u00a0 \u00a0 SISTEMA DE SEGURIDAD SOCIAL INTEGRAL-Objeto \u00a0 \u00a0 \u00a0 REGIMEN ESPECIAL DE FUERZAS MILITARES-Regulaci\u00f3n normativa de prestaciones por muerte durante prestaci\u00f3n del servicio militar \u00a0 \u00a0 \u00a0 REGIMEN ESPECIAL DE FUERZAS MILITARES-Reconocimiento y pago de pensi\u00f3n de sobrevivientes a favor de beneficiarios de oficiales y ...<br \/><div class=\"pt-cv-rmwrap\"><a href=\"https:\/\/www.dmsjuridica.com\/buscador_20179478954\/corteconstitucionalcronologico202454587\/t-1043-12\/\" class=\"_self pt-cv-readmore btn btn-success\" target=\"_self\">Ver Sentencia Completa...<\/a><\/div><\/div><\/div><\/div>\n<div class=\"col-md-12 col-sm-12 col-xs-12 pt-cv-content-item pt-cv-1-col\" ><div class='pt-cv-ifield'><a href=\"https:\/\/www.dmsjuridica.com\/buscador_20179478954\/corteconstitucionalcronologico202454587\/t-1042-12\/\" class=\"_self pt-cv-href-thumbnail pt-cv-thumb-default\" target=\"_self\" ><\/a>\n<div class=\"pt-cv-taxoterm above_title\"><a href='https:\/\/www.dmsjuridica.com\/buscador_20179478954\/corteconstitucionalcronologico202454587\/category\/buscar-en-toda-la-corte\/2012\/tutelas-2012\/' title='Tutelas 2012' class='pt-cv-tax-tutelas-2012'>Tutelas 2012<\/a><\/div>\n<h4 class=\"pt-cv-title\"><a href=\"https:\/\/www.dmsjuridica.com\/buscador_20179478954\/corteconstitucionalcronologico202454587\/t-1042-12\/\" class=\"_self\" target=\"_self\" >T-1042-12<\/a><\/h4>\n<div class=\"pt-cv-content\">\u00a0 \u00a0 Sentencia T-1042\/12 \u00a0 DERECHO A LA SEGURIDAD SOCIAL-Fundamental y aut\u00f3nomo \u00a0 \u00a0 \u00a0 DERECHO A LA SEGURIDAD SOCIAL-Reconocimiento del car\u00e1cter fundamental en el \u00e1mbito internacional \u00a0 \u00a0 \u00a0 ACCION DE TUTELA DE PERSONA EN ESTADO DE DEBILIDAD MANIFIESTA EN MATERIA DE SEGURIDAD SOCIAL-Procedencia excepcional \u00a0 \u00a0 \u00a0 ACCION DE TUTELA PARA RECONOCIMIENTO DE PRESTACIONES PENSIONALES-Reglas \u00a0 \u00a0 \u00a0 ACCION DE TUTELA PARA RECONOCIMIENTO DE PRESTACIONES PENSIONALES-Procedencia excepcional \u00a0 ACCION DE TUTELA PARA RECONOCIMIENTO DE LA PENSION DE INVALIDEZ-Procedencia por afectaci\u00f3n al m\u00ednimo vital de sujetos de especial protecci\u00f3n \u00a0 \u00a0 \u00a0 RECONOCIMIENTO Y PAGO DE LA PENSION DE ...<br \/><div class=\"pt-cv-rmwrap\"><a href=\"https:\/\/www.dmsjuridica.com\/buscador_20179478954\/corteconstitucionalcronologico202454587\/t-1042-12\/\" class=\"_self pt-cv-readmore btn btn-success\" target=\"_self\">Ver Sentencia Completa...<\/a><\/div><\/div><\/div><\/div>\n<div class=\"col-md-12 col-sm-12 col-xs-12 pt-cv-content-item pt-cv-1-col\" ><div class='pt-cv-ifield'><a href=\"https:\/\/www.dmsjuridica.com\/buscador_20179478954\/corteconstitucionalcronologico202454587\/t-1041-12\/\" class=\"_self pt-cv-href-thumbnail pt-cv-thumb-default\" target=\"_self\" ><\/a>\n<div class=\"pt-cv-taxoterm above_title\"><a href='https:\/\/www.dmsjuridica.com\/buscador_20179478954\/corteconstitucionalcronologico202454587\/category\/buscar-en-toda-la-corte\/2012\/tutelas-2012\/' title='Tutelas 2012' class='pt-cv-tax-tutelas-2012'>Tutelas 2012<\/a><\/div>\n<h4 class=\"pt-cv-title\"><a href=\"https:\/\/www.dmsjuridica.com\/buscador_20179478954\/corteconstitucionalcronologico202454587\/t-1041-12\/\" class=\"_self\" target=\"_self\" >T-1041-12<\/a><\/h4>\n<div class=\"pt-cv-content\">\u00a0 \u00a0 Sentencia T-1041\/12 \u00a0 \u00a0 \u00a0 DERECHO A LA SALUD EN CONSONANCIA CON LA DIGNIDAD HUMANA-Doble connotaci\u00f3n \u00a0 \u00a0 \u00a0 DERECHO A LA SALUD-Facetas \u00a0 \u00a0 \u00a0 SISTEMA DE SEGURIDAD SOCIAL EN SALUD-Principio de integralidad \u00a0 \u00a0 \u00a0 DERECHO A LA SALUD-Acceso\u00a0a servicios que se requieran con calidad, eficacia y oportunidad \u00a0 \u00a0 \u00a0 DERECHO A LA SALUD-Vulneraci\u00f3n\u00a0cuando servicio reconocido no se presta oportunamente \u00a0 \u00a0 \u00a0 DERECHO A LA SALUD-Continuidad\u00a0en el servicio procurando no ser interrumpido antes de la recuperaci\u00f3n del paciente \u00a0 \u00a0 \u00a0 DERECHO A LA SALUD Y VIDA-Vulneraci\u00f3n por no programar y practicar cirug\u00eda de ...<br \/><div class=\"pt-cv-rmwrap\"><a href=\"https:\/\/www.dmsjuridica.com\/buscador_20179478954\/corteconstitucionalcronologico202454587\/t-1041-12\/\" class=\"_self pt-cv-readmore btn btn-success\" target=\"_self\">Ver Sentencia Completa...<\/a><\/div><\/div><\/div><\/div>\n<div class=\"col-md-12 col-sm-12 col-xs-12 pt-cv-content-item pt-cv-1-col\" ><div class='pt-cv-ifield'><a href=\"https:\/\/www.dmsjuridica.com\/buscador_20179478954\/corteconstitucionalcronologico202454587\/t-1040-12\/\" class=\"_self pt-cv-href-thumbnail pt-cv-thumb-default\" target=\"_self\" ><\/a>\n<div class=\"pt-cv-taxoterm above_title\"><a href='https:\/\/www.dmsjuridica.com\/buscador_20179478954\/corteconstitucionalcronologico202454587\/category\/buscar-en-toda-la-corte\/2012\/tutelas-2012\/' title='Tutelas 2012' class='pt-cv-tax-tutelas-2012'>Tutelas 2012<\/a><\/div>\n<h4 class=\"pt-cv-title\"><a href=\"https:\/\/www.dmsjuridica.com\/buscador_20179478954\/corteconstitucionalcronologico202454587\/t-1040-12\/\" class=\"_self\" target=\"_self\" >T-1040-12<\/a><\/h4>\n<div class=\"pt-cv-content\">\u00a0 \u00a0 Sentencia T-1040\/12 \u00a0 ACCION DE TUTELA CONTRA PARTICULARES CUANDO EXISTE UNA RELACION DE INDEFENSION O SUBORDINACION-Jurisprudencia constitucional sobre procedencia excepcional\u00a0 \u00a0 ACCION DE TUTELA PARA OBTENER REINTEGRO DE PERSONA EN ESTADO DE DEBILIDAD MANIFIESTA-Excepcional \u00a0 \u00a0 \u00a0 ESTABILIDAD LABORAL REFORZADA-Reintegro de trabajador con discapacidad \u00a0 \u00a0 \u00a0 PERSONA EN ESTADO DE DEBILIDAD MANIFIESTA-Protecci\u00f3n \u00a0 \u00a0 \u00a0 DESPIDO DE TRABAJADOR CON DISCAPACIDAD SIN AUTORIZACION DEL MINISTERIO DE TRABAJO-Derecho de indemnizaci\u00f3n equivalente a 180 d\u00edas de salario \u00a0 \u00a0 \u00a0 SISTEMA GENERAL DE SEGURIDAD SOCIAL-Pago de incapacidad por enfermedad com\u00fan o profesional \u00a0 \u00a0 \u00a0 ESTABILIDAD LABORAL REFORZADA DE TRABAJADOR ...<br \/><div class=\"pt-cv-rmwrap\"><a href=\"https:\/\/www.dmsjuridica.com\/buscador_20179478954\/corteconstitucionalcronologico202454587\/t-1040-12\/\" class=\"_self pt-cv-readmore btn btn-success\" target=\"_self\">Ver Sentencia Completa...<\/a><\/div><\/div><\/div><\/div>\n<div class=\"col-md-12 col-sm-12 col-xs-12 pt-cv-content-item pt-cv-1-col\" ><div class='pt-cv-ifield'><a href=\"https:\/\/www.dmsjuridica.com\/buscador_20179478954\/corteconstitucionalcronologico202454587\/t-104-12\/\" class=\"_self pt-cv-href-thumbnail pt-cv-thumb-default\" target=\"_self\" ><\/a>\n<div class=\"pt-cv-taxoterm above_title\"><a href='https:\/\/www.dmsjuridica.com\/buscador_20179478954\/corteconstitucionalcronologico202454587\/category\/buscar-en-toda-la-corte\/2012\/tutelas-2012\/' title='Tutelas 2012' class='pt-cv-tax-tutelas-2012'>Tutelas 2012<\/a><\/div>\n<h4 class=\"pt-cv-title\"><a href=\"https:\/\/www.dmsjuridica.com\/buscador_20179478954\/corteconstitucionalcronologico202454587\/t-104-12\/\" class=\"_self\" target=\"_self\" >T-104-12<\/a><\/h4>\n<div class=\"pt-cv-content\">\u00a0 \u00a0 Sentencia T-104\/12 \u00a0 DERECHO DE ACCESO A UNA INSTITUCION EDUCATIVA DIGNA-Caso en que instalaciones del hogar infantil donde estudia el menor hijo de la demandante est\u00e1 en condiciones deficientes\u00a0 \u00a0 Resulta entonces altamente censurable que una persona, en especial un menor de edad, sea discriminada o se le niegue el goce o el ejercicio de alguno de sus derechos, lo cual ocurre tambi\u00e9n, consecuencialmente, cuando un hogar educativo se encuentra en condiciones no aptas para los menores de edad. Por ello, se debe tener una atenci\u00f3n digna y adecuada en el entorno comunitario e institucional, para cumplir esos ...<br \/><div class=\"pt-cv-rmwrap\"><a href=\"https:\/\/www.dmsjuridica.com\/buscador_20179478954\/corteconstitucionalcronologico202454587\/t-104-12\/\" class=\"_self pt-cv-readmore btn btn-success\" target=\"_self\">Ver Sentencia Completa...<\/a><\/div><\/div><\/div><\/div>\n<div class=\"col-md-12 col-sm-12 col-xs-12 pt-cv-content-item pt-cv-1-col\" ><div class='pt-cv-ifield'><a href=\"https:\/\/www.dmsjuridica.com\/buscador_20179478954\/corteconstitucionalcronologico202454587\/t-1039-12\/\" class=\"_self pt-cv-href-thumbnail pt-cv-thumb-default\" target=\"_self\" ><\/a>\n<div class=\"pt-cv-taxoterm above_title\"><a href='https:\/\/www.dmsjuridica.com\/buscador_20179478954\/corteconstitucionalcronologico202454587\/category\/buscar-en-toda-la-corte\/2012\/tutelas-2012\/' title='Tutelas 2012' class='pt-cv-tax-tutelas-2012'>Tutelas 2012<\/a><\/div>\n<h4 class=\"pt-cv-title\"><a href=\"https:\/\/www.dmsjuridica.com\/buscador_20179478954\/corteconstitucionalcronologico202454587\/t-1039-12\/\" class=\"_self\" target=\"_self\" >T-1039-12<\/a><\/h4>\n<div class=\"pt-cv-content\">\u00a0 \u00a0 Sentencia T-1039\/12 \u00a0 DESPLAZAMIENTO INTERNO Y DECLARATORIA DEL ESTADO DE COSAS INCONSTITUCIONAL \u00a0 \u00a0 \u00a0 ACCION DE TUTELA DE POBLACION EN SITUACION DE DESPLAZAMIENTO FORZADO-Mecanismo judicial id\u00f3neo para amparar los derechos fundamentales \u00a0 \u00a0 \u00a0 PROGRAMA FAMILIAS EN ACCION-Entrega de subsidios de educaci\u00f3n y salud a familias en condici\u00f3n de vulnerabilidad \u00a0 \u00a0 \u00a0 PROGRAMA FAMILIAS EN ACCION EN MATERIA DE EDUCACION-Asistencia escolar de menores de edad y apoyo monetario a madre o padre beneficiario \u00a0 \u00a0 \u00a0 PROGRAMA FAMILIAS EN ACCION-Ejecuci\u00f3n de actividades a trav\u00e9s de la Alcald\u00eda \u00a0 \u00a0 \u00a0 NOTIFICACION DE ACCION DE TUTELA-Debe surtirse ...<br \/><div class=\"pt-cv-rmwrap\"><a href=\"https:\/\/www.dmsjuridica.com\/buscador_20179478954\/corteconstitucionalcronologico202454587\/t-1039-12\/\" class=\"_self pt-cv-readmore btn btn-success\" target=\"_self\">Ver Sentencia Completa...<\/a><\/div><\/div><\/div><\/div>\n<div class=\"col-md-12 col-sm-12 col-xs-12 pt-cv-content-item pt-cv-1-col\" ><div class='pt-cv-ifield'><a href=\"https:\/\/www.dmsjuridica.com\/buscador_20179478954\/corteconstitucionalcronologico202454587\/t-1038-12\/\" class=\"_self pt-cv-href-thumbnail pt-cv-thumb-default\" target=\"_self\" ><\/a>\n<div class=\"pt-cv-taxoterm above_title\"><a href='https:\/\/www.dmsjuridica.com\/buscador_20179478954\/corteconstitucionalcronologico202454587\/category\/buscar-en-toda-la-corte\/2012\/tutelas-2012\/' title='Tutelas 2012' class='pt-cv-tax-tutelas-2012'>Tutelas 2012<\/a><\/div>\n<h4 class=\"pt-cv-title\"><a href=\"https:\/\/www.dmsjuridica.com\/buscador_20179478954\/corteconstitucionalcronologico202454587\/t-1038-12\/\" class=\"_self\" target=\"_self\" >T-1038-12<\/a><\/h4>\n<div class=\"pt-cv-content\">\u00a0 \u00a0 Sentencia T-1038\/12 \u00a0 (Noviembre 30; Bogot\u00e1 DC) \u00a0 ACCION DE TUTELA CONTRA PROVIDENCIAS JUDICIALES-Causales gen\u00e9ricas y especiales de procedencia \u00a0 PRINCIPIO DE CONGRUENCIA EN EL PROCESO PENAL-Concreci\u00f3n\/PRINCIPIO DE CONGRUENCIA-Formalidades de la indagatoria a la luz de la Ley 600\/00 \u00a0 La jurisprudencia constitucional\u00a0ha entendido que el marco de referencia del principio de\u00a0congruencia\u00a0de la sentencia se predica de un\u00a0acto complejo\u00a0comprendido por la resoluci\u00f3n de acusaci\u00f3n y el cambio realizado por el juez o por el fiscal. La congruencia no implica una armon\u00eda perfecta o identidad total entre el acto de acusaci\u00f3n y el fallo, lo importante es que se ...<br \/><div class=\"pt-cv-rmwrap\"><a href=\"https:\/\/www.dmsjuridica.com\/buscador_20179478954\/corteconstitucionalcronologico202454587\/t-1038-12\/\" class=\"_self pt-cv-readmore btn btn-success\" target=\"_self\">Ver Sentencia Completa...<\/a><\/div><\/div><\/div><\/div>\n<div class=\"col-md-12 col-sm-12 col-xs-12 pt-cv-content-item pt-cv-1-col\" ><div class='pt-cv-ifield'><a href=\"https:\/\/www.dmsjuridica.com\/buscador_20179478954\/corteconstitucionalcronologico202454587\/t-1037-12\/\" class=\"_self pt-cv-href-thumbnail pt-cv-thumb-default\" target=\"_self\" ><\/a>\n<div class=\"pt-cv-taxoterm above_title\"><a href='https:\/\/www.dmsjuridica.com\/buscador_20179478954\/corteconstitucionalcronologico202454587\/category\/buscar-en-toda-la-corte\/2012\/tutelas-2012\/' title='Tutelas 2012' class='pt-cv-tax-tutelas-2012'>Tutelas 2012<\/a><\/div>\n<h4 class=\"pt-cv-title\"><a href=\"https:\/\/www.dmsjuridica.com\/buscador_20179478954\/corteconstitucionalcronologico202454587\/t-1037-12\/\" class=\"_self\" target=\"_self\" >T-1037-12<\/a><\/h4>\n<div class=\"pt-cv-content\">\u00a0 \u00a0 Sentencia T-1037\/12 \u00a0 (Bogot\u00e1, D.C., noviembre 30) \u00a0 ACCION DE TUTELA Y PRINCIPIO DE INMEDIATEZ-Juez de tutela debe realizar valoraci\u00f3n de los hechos que configuran el caso concreto cuando la acci\u00f3n no se presenta en un t\u00e9rmino prudencial y razonable \u00a0 Corresponde al juez constitucional tomar en cuenta como dato relevante, el tiempo transcurrido entre el hecho generador de la solicitud y la petici\u00f3n de amparo, pues un lapso irrazonable puede llegar a demostrar que la soluci\u00f3n que se reclama no se requiere con prontitud, como se espera en los casos paras los cuales el mecanismo preferente y ...<br \/><div class=\"pt-cv-rmwrap\"><a href=\"https:\/\/www.dmsjuridica.com\/buscador_20179478954\/corteconstitucionalcronologico202454587\/t-1037-12\/\" class=\"_self pt-cv-readmore btn btn-success\" target=\"_self\">Ver Sentencia Completa...<\/a><\/div><\/div><\/div><\/div>\n<div class=\"col-md-12 col-sm-12 col-xs-12 pt-cv-content-item pt-cv-1-col\" ><div class='pt-cv-ifield'><a href=\"https:\/\/www.dmsjuridica.com\/buscador_20179478954\/corteconstitucionalcronologico202454587\/t-1036-12\/\" class=\"_self pt-cv-href-thumbnail pt-cv-thumb-default\" target=\"_self\" ><\/a>\n<div class=\"pt-cv-taxoterm above_title\"><a href='https:\/\/www.dmsjuridica.com\/buscador_20179478954\/corteconstitucionalcronologico202454587\/category\/buscar-en-toda-la-corte\/2012\/tutelas-2012\/' title='Tutelas 2012' class='pt-cv-tax-tutelas-2012'>Tutelas 2012<\/a><\/div>\n<h4 class=\"pt-cv-title\"><a href=\"https:\/\/www.dmsjuridica.com\/buscador_20179478954\/corteconstitucionalcronologico202454587\/t-1036-12\/\" class=\"_self\" target=\"_self\" >T-1036-12<\/a><\/h4>\n<div class=\"pt-cv-content\">\u00a0 \u00a0 Sentencia T-1036\/12 \u00a0 (Bogot\u00e1, D.C., noviembre 30) \u00a0 PENSION GRACIA Y PENSION DE VEJEZ-Caso de accionante de 89 a\u00f1os beneficiaria de la pensi\u00f3n de gracia a quien se le niega el reconocimiento y pago de la pensi\u00f3n de vejez\u00a0 \u00a0 PENSION GRACIA Y PENSION DE VEJEZ-Coexistencia \u00a0 Esta Corporaci\u00f3n, en concordancia con la jurisprudencia del Consejo de Estado, ha se\u00f1alado que la pensi\u00f3n de gracia puede ser reconocida y gozada en conjunto con la pensi\u00f3n de jubilaci\u00f3n. La pensi\u00f3n gracia no tiene como objetivo principal garantizar el m\u00ednimo vital, sino otorgar una nivelaci\u00f3n o compensaci\u00f3n a los maestros ...<br \/><div class=\"pt-cv-rmwrap\"><a href=\"https:\/\/www.dmsjuridica.com\/buscador_20179478954\/corteconstitucionalcronologico202454587\/t-1036-12\/\" class=\"_self pt-cv-readmore btn btn-success\" target=\"_self\">Ver Sentencia Completa...<\/a><\/div><\/div><\/div><\/div>\n<div class=\"col-md-12 col-sm-12 col-xs-12 pt-cv-content-item pt-cv-1-col\" ><div class='pt-cv-ifield'><a href=\"https:\/\/www.dmsjuridica.com\/buscador_20179478954\/corteconstitucionalcronologico202454587\/t-1035-12\/\" class=\"_self pt-cv-href-thumbnail pt-cv-thumb-default\" target=\"_self\" ><\/a>\n<div class=\"pt-cv-taxoterm above_title\"><a href='https:\/\/www.dmsjuridica.com\/buscador_20179478954\/corteconstitucionalcronologico202454587\/category\/buscar-en-toda-la-corte\/2012\/tutelas-2012\/' title='Tutelas 2012' class='pt-cv-tax-tutelas-2012'>Tutelas 2012<\/a><\/div>\n<h4 class=\"pt-cv-title\"><a href=\"https:\/\/www.dmsjuridica.com\/buscador_20179478954\/corteconstitucionalcronologico202454587\/t-1035-12\/\" class=\"_self\" target=\"_self\" >T-1035-12<\/a><\/h4>\n<div class=\"pt-cv-content\">\u00a0 \u00a0 Sentencia T-1035\/12 \u00a0 \u00a0(Bogot\u00e1, D.C., noviembre 30) \u00a0 DERECHO FUNDAMENTAL AL MINIMO VITAL-Reiteraci\u00f3n de jurisprudencia \u00a0 La Corte ha establecido que el derecho al m\u00ednimo vital tiene su alcance m\u00e1s all\u00e1 de los l\u00edmites del salario m\u00ednimo, de tal forma que debe ser estimado no en t\u00e9rminos cuantitativos, sino dentro de una dimensi\u00f3n cualitativa. As\u00ed, la posible vulneraci\u00f3n del derecho se debe analizar conforme con las condiciones personales de cada persona y el nivel de vida que \u00e9ste ha adquirido. Por lo tanto, se trata de un derecho inalienable de todo trabajador constituido de todos los elementos b\u00e1sicos ...<br \/><div class=\"pt-cv-rmwrap\"><a href=\"https:\/\/www.dmsjuridica.com\/buscador_20179478954\/corteconstitucionalcronologico202454587\/t-1035-12\/\" class=\"_self pt-cv-readmore btn btn-success\" target=\"_self\">Ver Sentencia Completa...<\/a><\/div><\/div><\/div><\/div>\n<div class=\"col-md-12 col-sm-12 col-xs-12 pt-cv-content-item pt-cv-1-col\" ><div class='pt-cv-ifield'><a href=\"https:\/\/www.dmsjuridica.com\/buscador_20179478954\/corteconstitucionalcronologico202454587\/t-1034-12\/\" class=\"_self pt-cv-href-thumbnail pt-cv-thumb-default\" target=\"_self\" ><\/a>\n<div class=\"pt-cv-taxoterm above_title\"><a href='https:\/\/www.dmsjuridica.com\/buscador_20179478954\/corteconstitucionalcronologico202454587\/category\/buscar-en-toda-la-corte\/2012\/tutelas-2012\/' title='Tutelas 2012' class='pt-cv-tax-tutelas-2012'>Tutelas 2012<\/a><\/div>\n<h4 class=\"pt-cv-title\"><a href=\"https:\/\/www.dmsjuridica.com\/buscador_20179478954\/corteconstitucionalcronologico202454587\/t-1034-12\/\" class=\"_self\" target=\"_self\" >T-1034-12<\/a><\/h4>\n<div class=\"pt-cv-content\">\u00a0 \u00a0 Sentencia T-1034\/12 \u00a0 (Bogot\u00e1, D.C., noviembre 30) \u00a0 ACCION DE TUTELA DE PERSONA EN ESTADO DE SUBORDINACION O INDEFENSION CONTRA AUTORIDAD PUBLICA Y PARTICULARES-Procedencia \u00a0 \u00a0 \u00a0 SUBORDINACION-Concepto \u00a0 \u00a0 \u00a0 INMEDIATEZ COMO REQUISITO DE PROCEDIBILIDAD DE LA ACCION DE TUTELA-Interposici\u00f3n oportuna y\u00a0plazo razonable \u00a0 \u00a0 \u00a0 ACCION DE TUTELA POR ACCION U OMISION DE AUTORIDAD PUBLICA Y PARTICULARES-Procedencia por inexistencia de otro medio de defensa judicial o como mecanismo transitorio \u00a0 \u00a0 \u00a0 PROTECCION LABORAL DE TRABAJADOR EN CONDICIONES DE DEBILIDAD MANIFIESTA-No depende de calificaci\u00f3n previa que acredite la condici\u00f3n de discapacitado \u00a0 \u00a0 \u00a0 ESTABILIDAD LABORAL ...<br \/><div class=\"pt-cv-rmwrap\"><a href=\"https:\/\/www.dmsjuridica.com\/buscador_20179478954\/corteconstitucionalcronologico202454587\/t-1034-12\/\" class=\"_self pt-cv-readmore btn btn-success\" target=\"_self\">Ver Sentencia Completa...<\/a><\/div><\/div><\/div><\/div>\n<div class=\"col-md-12 col-sm-12 col-xs-12 pt-cv-content-item pt-cv-1-col\" ><div class='pt-cv-ifield'><a href=\"https:\/\/www.dmsjuridica.com\/buscador_20179478954\/corteconstitucionalcronologico202454587\/t-1033-12\/\" class=\"_self pt-cv-href-thumbnail pt-cv-thumb-default\" target=\"_self\" ><\/a>\n<div class=\"pt-cv-taxoterm above_title\"><a href='https:\/\/www.dmsjuridica.com\/buscador_20179478954\/corteconstitucionalcronologico202454587\/category\/buscar-en-toda-la-corte\/2012\/tutelas-2012\/' title='Tutelas 2012' class='pt-cv-tax-tutelas-2012'>Tutelas 2012<\/a><\/div>\n<h4 class=\"pt-cv-title\"><a href=\"https:\/\/www.dmsjuridica.com\/buscador_20179478954\/corteconstitucionalcronologico202454587\/t-1033-12\/\" class=\"_self\" target=\"_self\" >T-1033-12<\/a><\/h4>\n<div class=\"pt-cv-content\">\u00a0 \u00a0 Sentencia T-1033\/12 \u00a0 (Bogot\u00e1, D.C., noviembre 30) \u00a0 ACCION DE TUTELA CONTRA PROVIDENCIAS JUDICIALES-Reiteraci\u00f3n de jurisprudencia sobre procedencia excepcional \u00a0 La Corte Constitucional ha admitido que la acci\u00f3n de tutela procede excepcionalmente contra sentencias judiciales. En este sentido, la sentencia C-590 de 2005 recogi\u00f3 la jurisprudencia constitucional sobre la materia e indic\u00f3 las causales gen\u00e9ricas y especificas que debe analizar el juez constitucional al resolver una tutela contra providencia judicial. \u00a0 ACCION DE TUTELA CONTRA PROVIDENCIAS JUDICIALES POR DESCONOCIMIENTO DEL PRECEDENTE JUDICIAL-Causal de procedibilidad de la tutela \u00a0 La obligatoriedad de acatar el precedente jurisprudencial encuentra sustento en ...<br \/><div class=\"pt-cv-rmwrap\"><a href=\"https:\/\/www.dmsjuridica.com\/buscador_20179478954\/corteconstitucionalcronologico202454587\/t-1033-12\/\" class=\"_self pt-cv-readmore btn btn-success\" target=\"_self\">Ver Sentencia Completa...<\/a><\/div><\/div><\/div><\/div>\n<div class=\"col-md-12 col-sm-12 col-xs-12 pt-cv-content-item pt-cv-1-col\" ><div class='pt-cv-ifield'><a href=\"https:\/\/www.dmsjuridica.com\/buscador_20179478954\/corteconstitucionalcronologico202454587\/t-1030-12\/\" class=\"_self pt-cv-href-thumbnail pt-cv-thumb-default\" target=\"_self\" ><\/a>\n<div class=\"pt-cv-taxoterm above_title\"><a href='https:\/\/www.dmsjuridica.com\/buscador_20179478954\/corteconstitucionalcronologico202454587\/category\/buscar-en-toda-la-corte\/2012\/tutelas-2012\/' title='Tutelas 2012' class='pt-cv-tax-tutelas-2012'>Tutelas 2012<\/a><\/div>\n<h4 class=\"pt-cv-title\"><a href=\"https:\/\/www.dmsjuridica.com\/buscador_20179478954\/corteconstitucionalcronologico202454587\/t-1030-12\/\" class=\"_self\" target=\"_self\" >T-1030-12<\/a><\/h4>\n<div class=\"pt-cv-content\">\u00a0 \u00a0 Sentencia T-1030\/12 \u00a0 DERECHO A LA SALUD-Fundamental \u00a0 \u00a0 \u00a0 DERECHO A LA SALUD-Reconocimiento del car\u00e1cter fundamental en el \u00e1mbito internacional \u00a0 \u00a0 \u00a0 DERECHO A LA SALUD-Suministro de insumos, medicamentos y procedimientos no incluidos en el POS \u00a0 \u00a0 \u00a0 DERECHO A LA SALUD Y VIDA-Salvaguarda de la existencia en condiciones dignas \u00a0 \u00a0 \u00a0 COMITE TECNICO CIENTIFICO-No se puede imponer su tr\u00e1mite ante EPS para solicitar prestaciones excluidas del POS \u00a0 \u00a0 \u00a0 PLAN DE BENEFICIOS DE REGIMEN CONTRIBUTIVO-Subreglas de inaplicaci\u00f3n \u00a0 \u00a0 \u00a0 EXCLUSIONES Y LIMITACIONES DEL PLAN OBLIGATORIO DE SALUD-Requisitos \u00a0 \u00a0 \u00a0 INAPLICACION ...<br \/><div class=\"pt-cv-rmwrap\"><a href=\"https:\/\/www.dmsjuridica.com\/buscador_20179478954\/corteconstitucionalcronologico202454587\/t-1030-12\/\" class=\"_self pt-cv-readmore btn btn-success\" target=\"_self\">Ver Sentencia Completa...<\/a><\/div><\/div><\/div><\/div>\n<div class=\"col-md-12 col-sm-12 col-xs-12 pt-cv-content-item pt-cv-1-col\" ><div class='pt-cv-ifield'><a href=\"https:\/\/www.dmsjuridica.com\/buscador_20179478954\/corteconstitucionalcronologico202454587\/t-103-12\/\" class=\"_self pt-cv-href-thumbnail pt-cv-thumb-default\" target=\"_self\" ><\/a>\n<div class=\"pt-cv-taxoterm above_title\"><a href='https:\/\/www.dmsjuridica.com\/buscador_20179478954\/corteconstitucionalcronologico202454587\/category\/buscar-en-toda-la-corte\/2012\/tutelas-2012\/' title='Tutelas 2012' class='pt-cv-tax-tutelas-2012'>Tutelas 2012<\/a><\/div>\n<h4 class=\"pt-cv-title\"><a href=\"https:\/\/www.dmsjuridica.com\/buscador_20179478954\/corteconstitucionalcronologico202454587\/t-103-12\/\" class=\"_self\" target=\"_self\" >T-103-12<\/a><\/h4>\n<div class=\"pt-cv-content\">\u00a0 \u00a0 Sentencia T-103\/12 \u00a0 DERECHO FUNDAMENTAL A LA SALUD-Reiteraci\u00f3n de jurisprudencia\/DERECHO FUNDAMENTAL A LA SALUD-Acceso a servicios de pediatr\u00eda de forma directa sin previa remisi\u00f3n del m\u00e9dico general\/ACUERDO 029\/11-Defini\u00f3, aclar\u00f3 y actualiz\u00f3 integralmente el POS del Sistema General de Seguridad Social en Salud \u00a0 Referencia: expedientes T-3221596 y T-3230746, acumulados. \u00a0 \u00a0 \u00a0 \u00a0 \u00a0 \u00a0 Acciones de tutela instauradas por Mar\u00eda Esperanza Morales Ariza, en representaci\u00f3n de su hijo Luis Ernesto Gonz\u00e1lez Morales contra Solsalud EPS (exp. T-3221596); y el Personero Municipal de Arjona, Bol\u00edvar, a nombre de Nereyda Esther Meza Gonz\u00e1lez (exp. T-3230746), contra Emdisalud EPS-S. \u00a0 ...<br \/><div class=\"pt-cv-rmwrap\"><a href=\"https:\/\/www.dmsjuridica.com\/buscador_20179478954\/corteconstitucionalcronologico202454587\/t-103-12\/\" class=\"_self pt-cv-readmore btn btn-success\" target=\"_self\">Ver Sentencia Completa...<\/a><\/div><\/div><\/div><\/div>\n<div class=\"col-md-12 col-sm-12 col-xs-12 pt-cv-content-item pt-cv-1-col\" ><div class='pt-cv-ifield'><a href=\"https:\/\/www.dmsjuridica.com\/buscador_20179478954\/corteconstitucionalcronologico202454587\/t-1029-12\/\" class=\"_self pt-cv-href-thumbnail pt-cv-thumb-default\" target=\"_self\" ><\/a>\n<div class=\"pt-cv-taxoterm above_title\"><a href='https:\/\/www.dmsjuridica.com\/buscador_20179478954\/corteconstitucionalcronologico202454587\/category\/buscar-en-toda-la-corte\/2012\/tutelas-2012\/' title='Tutelas 2012' class='pt-cv-tax-tutelas-2012'>Tutelas 2012<\/a><\/div>\n<h4 class=\"pt-cv-title\"><a href=\"https:\/\/www.dmsjuridica.com\/buscador_20179478954\/corteconstitucionalcronologico202454587\/t-1029-12\/\" class=\"_self\" target=\"_self\" >T-1029-12<\/a><\/h4>\n<div class=\"pt-cv-content\">\u00a0 \u00a0 Sentencia T-1029\/12 \u00a0 ACCION DE TUTELA CONTRA PROVIDENCIAS JUDICIALES-Reiteraci\u00f3n de jurisprudencia \u00a0 La tutela contra providencia judicial procede siempre que se constate la observancia de ciertos requisitos generales de procedencia y se evidencie al menos un defecto espec\u00edfico en los fallos objeto de amparo.\u00a0 \u00a0 ACCION DE TUTELA CONTRA PROVIDENCIAS JUDICIALES-Causales gen\u00e9ricas de procedibilidad \u00a0 Las causales gen\u00e9ricas de procedencia de tutela contra providencia judicial son las que permiten el estudio del fallo en sede constitucional, dado que habilitan el uso de la acci\u00f3n contra los pronunciamientos de los jueces. \u201cSe trata entonces de condiciones jur\u00eddicas generales que ...<br \/><div class=\"pt-cv-rmwrap\"><a href=\"https:\/\/www.dmsjuridica.com\/buscador_20179478954\/corteconstitucionalcronologico202454587\/t-1029-12\/\" class=\"_self pt-cv-readmore btn btn-success\" target=\"_self\">Ver Sentencia Completa...<\/a><\/div><\/div><\/div><\/div>\n<div class=\"col-md-12 col-sm-12 col-xs-12 pt-cv-content-item pt-cv-1-col\" ><div class='pt-cv-ifield'><a href=\"https:\/\/www.dmsjuridica.com\/buscador_20179478954\/corteconstitucionalcronologico202454587\/t-1028-12\/\" class=\"_self pt-cv-href-thumbnail pt-cv-thumb-default\" target=\"_self\" ><\/a>\n<div class=\"pt-cv-taxoterm above_title\"><a href='https:\/\/www.dmsjuridica.com\/buscador_20179478954\/corteconstitucionalcronologico202454587\/category\/buscar-en-toda-la-corte\/2012\/tutelas-2012\/' title='Tutelas 2012' class='pt-cv-tax-tutelas-2012'>Tutelas 2012<\/a><\/div>\n<h4 class=\"pt-cv-title\"><a href=\"https:\/\/www.dmsjuridica.com\/buscador_20179478954\/corteconstitucionalcronologico202454587\/t-1028-12\/\" class=\"_self\" target=\"_self\" >T-1028-12<\/a><\/h4>\n<div class=\"pt-cv-content\">\u00a0 \u00a0 Sentencia T-1028\/12\u00a0 \u00a0 POBLACION DESPLAZADA-Sujetos de especial protecci\u00f3n constitucional \u00a0 ACCION DE TUTELA PARA LA PROTECCION DE LOS DERECHOS FUNDAMENTALES DE LA POBLACION DESPLAZADA-Procede por ser sujetos de especial protecci\u00f3n dada la condici\u00f3n particular de desamparo, vulnerabilidad e indefensi\u00f3n en que se encuentran \u00a0 \u00a0 \u00a0\u00a0 \u00a0 DERECHO A LA VIVIENDA DIGNA DE POBLACION DESPLAZADA-Fundamental por conexidad con otros derechos \u00a0 La jurisprudencia constitucional ha sostenido que aun cuando el derecho en comento no se encuentra dentro de la categor\u00eda de fundamental en el Texto Superior, este es susceptible de protecci\u00f3n a trav\u00e9s del mecanismo tutelar en el ...<br \/><div class=\"pt-cv-rmwrap\"><a href=\"https:\/\/www.dmsjuridica.com\/buscador_20179478954\/corteconstitucionalcronologico202454587\/t-1028-12\/\" class=\"_self pt-cv-readmore btn btn-success\" target=\"_self\">Ver Sentencia Completa...<\/a><\/div><\/div><\/div><\/div>\n<div class=\"col-md-12 col-sm-12 col-xs-12 pt-cv-content-item pt-cv-1-col\" ><div class='pt-cv-ifield'><a href=\"https:\/\/www.dmsjuridica.com\/buscador_20179478954\/corteconstitucionalcronologico202454587\/t-1027-12\/\" class=\"_self pt-cv-href-thumbnail pt-cv-thumb-default\" target=\"_self\" ><\/a>\n<div class=\"pt-cv-taxoterm above_title\"><a href='https:\/\/www.dmsjuridica.com\/buscador_20179478954\/corteconstitucionalcronologico202454587\/category\/buscar-en-toda-la-corte\/2012\/tutelas-2012\/' title='Tutelas 2012' class='pt-cv-tax-tutelas-2012'>Tutelas 2012<\/a><\/div>\n<h4 class=\"pt-cv-title\"><a href=\"https:\/\/www.dmsjuridica.com\/buscador_20179478954\/corteconstitucionalcronologico202454587\/t-1027-12\/\" class=\"_self\" target=\"_self\" >T-1027-12<\/a><\/h4>\n<div class=\"pt-cv-content\">\u00a0 \u00a0 Sentencia T-1027\/12 \u00a0 ACCION DE TUTELA PARA EL RECONOCIMIENTO Y PAGO DE PRESTACIONES SOCIALES-Caso en que el ISS niega reconocimiento y pago de la pensi\u00f3n de vejez bajo el argumento de no cumplir con el n\u00famero de semanas exigido por la ley\u00a0 \u00a0 ACCION DE TUTELA PARA EL RECONOCIMIENTO Y PAGO DE PRESTACIONES SOCIALES-Procedencia excepcional \u00a0 El ordenamiento jur\u00eddico colombiano ha establecido determinados mecanismos judiciales para resolver aquellas controversias que tengan como objetivo obtener el reconocimiento y pago de derechos de car\u00e1cter pensional. Por tal raz\u00f3n, la Corte Constitucional, en reiteradas oportunidades, ha manifestado que, en principio, la ...<br \/><div class=\"pt-cv-rmwrap\"><a href=\"https:\/\/www.dmsjuridica.com\/buscador_20179478954\/corteconstitucionalcronologico202454587\/t-1027-12\/\" class=\"_self pt-cv-readmore btn btn-success\" target=\"_self\">Ver Sentencia Completa...<\/a><\/div><\/div><\/div><\/div>\n<div class=\"col-md-12 col-sm-12 col-xs-12 pt-cv-content-item pt-cv-1-col\" ><div class='pt-cv-ifield'><a href=\"https:\/\/www.dmsjuridica.com\/buscador_20179478954\/corteconstitucionalcronologico202454587\/t-1026-12\/\" class=\"_self pt-cv-href-thumbnail pt-cv-thumb-default\" target=\"_self\" ><\/a>\n<div class=\"pt-cv-taxoterm above_title\"><a href='https:\/\/www.dmsjuridica.com\/buscador_20179478954\/corteconstitucionalcronologico202454587\/category\/buscar-en-toda-la-corte\/2012\/tutelas-2012\/' title='Tutelas 2012' class='pt-cv-tax-tutelas-2012'>Tutelas 2012<\/a><\/div>\n<h4 class=\"pt-cv-title\"><a href=\"https:\/\/www.dmsjuridica.com\/buscador_20179478954\/corteconstitucionalcronologico202454587\/t-1026-12\/\" class=\"_self\" target=\"_self\" >T-1026-12<\/a><\/h4>\n<div class=\"pt-cv-content\">\u00a0 \u00a0 Sentencia T-1026\/12 \u00a0 CUMPLIMIENTO DE PROVIDENCIAS JUDICIALES-Procedencia de tutela \u00a0 ACCION DE TUTELA FRENTE A CONTROVERSIAS CONTRACTUALES-Procedencia excepcional cuando est\u00e1n en juego derechos fundamentales\u00a0 \u00a0 En casos excepcionales la acci\u00f3n de tutela ha procedido a\u00fan respecto de controversias contractuales cuando se encuentran en juego garant\u00edas y derechos constitucionales fundamentales de las personas y el mecanismo de amparo resulta ser el \u00fanico medio de defensa del que se dispone para evitar la ocurrencia de un perjuicio irremediable. En este caso, corresponder\u00e1 al juez constitucional apreciar la naturaleza de la amenaza o vulneraci\u00f3n de los derechos y decidir si existen ...<br \/><div class=\"pt-cv-rmwrap\"><a href=\"https:\/\/www.dmsjuridica.com\/buscador_20179478954\/corteconstitucionalcronologico202454587\/t-1026-12\/\" class=\"_self pt-cv-readmore btn btn-success\" target=\"_self\">Ver Sentencia Completa...<\/a><\/div><\/div><\/div><\/div>\n<div class=\"col-md-12 col-sm-12 col-xs-12 pt-cv-content-item pt-cv-1-col\" ><div class='pt-cv-ifield'><a href=\"https:\/\/www.dmsjuridica.com\/buscador_20179478954\/corteconstitucionalcronologico202454587\/t-1025-12\/\" class=\"_self pt-cv-href-thumbnail pt-cv-thumb-default\" target=\"_self\" ><\/a>\n<div class=\"pt-cv-taxoterm above_title\"><a href='https:\/\/www.dmsjuridica.com\/buscador_20179478954\/corteconstitucionalcronologico202454587\/category\/buscar-en-toda-la-corte\/2012\/tutelas-2012\/' title='Tutelas 2012' class='pt-cv-tax-tutelas-2012'>Tutelas 2012<\/a><\/div>\n<h4 class=\"pt-cv-title\"><a href=\"https:\/\/www.dmsjuridica.com\/buscador_20179478954\/corteconstitucionalcronologico202454587\/t-1025-12\/\" class=\"_self\" target=\"_self\" >T-1025-12<\/a><\/h4>\n<div class=\"pt-cv-content\">\u00a0 \u00a0 Sentencia T-1025\/12 \u00a0 ACCION DE TUTELA PARA OBTENER REINTEGRO LABORAL DE TRABAJADOR DISCAPACITADO-Procedencia excepcional en aquellos eventos en los que el solicitante se encuentra en circunstancias de debilidad manifiesta \u00a0 DERECHO A LA ESTABILIDAD LABORAL REFORZADA DE PERSONAS CON LIMITACIONES FISICAS, PSIQUICAS O SENSORIALES-Reiteraci\u00f3n de jurisprudencia \u00a0 PENSION DE INVALIDEZ-Evoluci\u00f3n normativa en relaci\u00f3n con los requisitos para su obtenci\u00f3n \u00a0 CURADURIA O CURATELA-Finalidad \u00a0 El ordenamiento legal ha dise\u00f1ado a trav\u00e9s de la curatela, un instrumento jur\u00eddico que busca proteger los intereses econ\u00f3micos y personales de sujetos que padecen graves discapacidades f\u00edsicas, ps\u00edquicas o sensoriales como la demencia, ...<br \/><div class=\"pt-cv-rmwrap\"><a href=\"https:\/\/www.dmsjuridica.com\/buscador_20179478954\/corteconstitucionalcronologico202454587\/t-1025-12\/\" class=\"_self pt-cv-readmore btn btn-success\" target=\"_self\">Ver Sentencia Completa...<\/a><\/div><\/div><\/div><\/div>\n<div class=\"col-md-12 col-sm-12 col-xs-12 pt-cv-content-item pt-cv-1-col\" ><div class='pt-cv-ifield'><a href=\"https:\/\/www.dmsjuridica.com\/buscador_20179478954\/corteconstitucionalcronologico202454587\/t-1024-12\/\" class=\"_self pt-cv-href-thumbnail pt-cv-thumb-default\" target=\"_self\" ><\/a>\n<div class=\"pt-cv-taxoterm above_title\"><a href='https:\/\/www.dmsjuridica.com\/buscador_20179478954\/corteconstitucionalcronologico202454587\/category\/buscar-en-toda-la-corte\/2012\/tutelas-2012\/' title='Tutelas 2012' class='pt-cv-tax-tutelas-2012'>Tutelas 2012<\/a><\/div>\n<h4 class=\"pt-cv-title\"><a href=\"https:\/\/www.dmsjuridica.com\/buscador_20179478954\/corteconstitucionalcronologico202454587\/t-1024-12\/\" class=\"_self\" target=\"_self\" >T-1024-12<\/a><\/h4>\n<div class=\"pt-cv-content\">\u00a0 \u00a0 Sentencia T-1024\/12 \u00a0 CUMPLIMIENTO DE PROVIDENCIAS JUDICIALES-Procedencia de tutela \u00a0 Es un deber del Estado garantizar el cumplimiento efectivo de los fallos judiciales, ya que de lo contrario -su incumplimiento- trastocar\u00eda el derecho a la tutela judicial efectiva. Insiste este Tribunal en la importancia de que los ciudadanos cuenten con mecanismos eficaces para la ejecuci\u00f3n oportuna y cierta de la decisiones judiciales. De cara a la procedencia de la acci\u00f3n de tutela en esta materia, la Corte ha aseverado que el incumplimiento de las sentencias judiciales constituye una transgresi\u00f3n del derecho fundamental al acceso a la administraci\u00f3n de ...<br \/><div class=\"pt-cv-rmwrap\"><a href=\"https:\/\/www.dmsjuridica.com\/buscador_20179478954\/corteconstitucionalcronologico202454587\/t-1024-12\/\" class=\"_self pt-cv-readmore btn btn-success\" target=\"_self\">Ver Sentencia Completa...<\/a><\/div><\/div><\/div><\/div>\n<div class=\"col-md-12 col-sm-12 col-xs-12 pt-cv-content-item pt-cv-1-col\" ><div class='pt-cv-ifield'><a href=\"https:\/\/www.dmsjuridica.com\/buscador_20179478954\/corteconstitucionalcronologico202454587\/t-102-12\/\" class=\"_self pt-cv-href-thumbnail pt-cv-thumb-default\" target=\"_self\" ><\/a>\n<div class=\"pt-cv-taxoterm above_title\"><a href='https:\/\/www.dmsjuridica.com\/buscador_20179478954\/corteconstitucionalcronologico202454587\/category\/buscar-en-toda-la-corte\/2012\/tutelas-2012\/' title='Tutelas 2012' class='pt-cv-tax-tutelas-2012'>Tutelas 2012<\/a><\/div>\n<h4 class=\"pt-cv-title\"><a href=\"https:\/\/www.dmsjuridica.com\/buscador_20179478954\/corteconstitucionalcronologico202454587\/t-102-12\/\" class=\"_self\" target=\"_self\" >T-102-12<\/a><\/h4>\n<div class=\"pt-cv-content\">\u00a0 \u00a0 NOTA DE RELATORIA: \u00a0Mediante auto 102 de fecha 11 de abril de 2014, se corrige el error incurrido en el numeral 7.1. de la parte motiva de la sentencia T-102\/12, \u00a0relacionado con la clase de mecanismo de protecci\u00f3n de tutela concedido. \u00a0En este sentido se sustituye el t\u00e9rmino \u201cdefinitivo\u201d por \u201ctransitorio\u201d. \u00a0 \u00a0 Sentencia T-102\/12 \u00a0 (Febrero 20, Bogot\u00e1 DC) \u00a0 ACCION DE TUTELA CONTRA PROVIDENCIAS JUDICIALES QUE DESCONOCEN PRECEDENTE JUDICIAL DE LA CORTE CONSTITUCIONAL \u00a0 ACCION DE TUTELA CONTRA PROVIDENCIAS JUDICIALES POR FALTA DE MOTIVACION DE ACTOS DE DESVINCULACION DE FUNCIONARIOS NOMBRADOS EN PROVISIONALIDAD EN CARGOS DE ...<br \/><div class=\"pt-cv-rmwrap\"><a href=\"https:\/\/www.dmsjuridica.com\/buscador_20179478954\/corteconstitucionalcronologico202454587\/t-102-12\/\" class=\"_self pt-cv-readmore btn btn-success\" target=\"_self\">Ver Sentencia Completa...<\/a><\/div><\/div><\/div><\/div>\n<div class=\"col-md-12 col-sm-12 col-xs-12 pt-cv-content-item pt-cv-1-col\" ><div class='pt-cv-ifield'><a href=\"https:\/\/www.dmsjuridica.com\/buscador_20179478954\/corteconstitucionalcronologico202454587\/t-1015-12\/\" class=\"_self pt-cv-href-thumbnail pt-cv-thumb-default\" target=\"_self\" ><\/a>\n<div class=\"pt-cv-taxoterm above_title\"><a href='https:\/\/www.dmsjuridica.com\/buscador_20179478954\/corteconstitucionalcronologico202454587\/category\/buscar-en-toda-la-corte\/2012\/tutelas-2012\/' title='Tutelas 2012' class='pt-cv-tax-tutelas-2012'>Tutelas 2012<\/a><\/div>\n<h4 class=\"pt-cv-title\"><a href=\"https:\/\/www.dmsjuridica.com\/buscador_20179478954\/corteconstitucionalcronologico202454587\/t-1015-12\/\" class=\"_self\" target=\"_self\" >T-1015-12<\/a><\/h4>\n<div class=\"pt-cv-content\">\u00a0 \u00a0 Sentencia T-1015\/12 \u00a0 ACCION DE TUTELA Y TRASLADO DE DOCENTES-Procedencia \u00a0 Corresponde al juez constitucional para definir la procedencia de la acci\u00f3n de tutela evaluar en cada caso si se vulneran o amenazan los derechos fundamentales, generalmente, la salud, la integridad f\u00edsica y mental, la vida y\/o la unidad familiar, del docente o los miembros de su n\u00facleo familiar. \u00a0 EJERCICIO DEL IUS VARIANDI EN EL SERVICIO PUBLICO DE EDUCACION \u00a0 El Ministerio de Educaci\u00f3n expidi\u00f3 el Decreto 520 de 2010, mediante el cual se reglamenta el art\u00edculo 22 de la Ley 715 de 2001, en relaci\u00f3n con ...<br \/><div class=\"pt-cv-rmwrap\"><a href=\"https:\/\/www.dmsjuridica.com\/buscador_20179478954\/corteconstitucionalcronologico202454587\/t-1015-12\/\" class=\"_self pt-cv-readmore btn btn-success\" target=\"_self\">Ver Sentencia Completa...<\/a><\/div><\/div><\/div><\/div>\n<div class=\"col-md-12 col-sm-12 col-xs-12 pt-cv-content-item pt-cv-1-col\" ><div class='pt-cv-ifield'><a href=\"https:\/\/www.dmsjuridica.com\/buscador_20179478954\/corteconstitucionalcronologico202454587\/t-1014-12\/\" class=\"_self pt-cv-href-thumbnail pt-cv-thumb-default\" target=\"_self\" ><\/a>\n<div class=\"pt-cv-taxoterm above_title\"><a href='https:\/\/www.dmsjuridica.com\/buscador_20179478954\/corteconstitucionalcronologico202454587\/category\/buscar-en-toda-la-corte\/2012\/tutelas-2012\/' title='Tutelas 2012' class='pt-cv-tax-tutelas-2012'>Tutelas 2012<\/a><\/div>\n<h4 class=\"pt-cv-title\"><a href=\"https:\/\/www.dmsjuridica.com\/buscador_20179478954\/corteconstitucionalcronologico202454587\/t-1014-12\/\" class=\"_self\" target=\"_self\" >T-1014-12<\/a><\/h4>\n<div class=\"pt-cv-content\">\u00a0 \u00a0 Sentencia T-1014\/12 \u00a0 ACCION DE TUTELA PARA RECONOCIMIENTO DE PRESTACIONES SOCIALES-Procedencia excepcional \u00a0 \u00a0 Esta Corte ha se\u00f1alado en varias ocasiones que por regla general, la acci\u00f3n de tutela no procede para ordenar el reconocimiento y pago de pensiones, pues la administraci\u00f3n de justicia cuenta con medios id\u00f3neos y eficaces para ello, como la jurisdicci\u00f3n laboral. Para esta Corporaci\u00f3n, la acci\u00f3n de tutela no debe desplazar ni sustituir los mecanismos ordinarios establecidos dentro del ordenamiento jur\u00eddico. Sin embargo, tambi\u00e9n ha precisado que en determinadas circunstancias excepcionales, el amparo constitucional procede con el fin de salvaguardar derechos cuya protecci\u00f3n ...<br \/><div class=\"pt-cv-rmwrap\"><a href=\"https:\/\/www.dmsjuridica.com\/buscador_20179478954\/corteconstitucionalcronologico202454587\/t-1014-12\/\" class=\"_self pt-cv-readmore btn btn-success\" target=\"_self\">Ver Sentencia Completa...<\/a><\/div><\/div><\/div><\/div>\n<div class=\"col-md-12 col-sm-12 col-xs-12 pt-cv-content-item pt-cv-1-col\" ><div class='pt-cv-ifield'><a href=\"https:\/\/www.dmsjuridica.com\/buscador_20179478954\/corteconstitucionalcronologico202454587\/t-1013-12\/\" class=\"_self pt-cv-href-thumbnail pt-cv-thumb-default\" target=\"_self\" ><\/a>\n<div class=\"pt-cv-taxoterm above_title\"><a href='https:\/\/www.dmsjuridica.com\/buscador_20179478954\/corteconstitucionalcronologico202454587\/category\/buscar-en-toda-la-corte\/2012\/tutelas-2012\/' title='Tutelas 2012' class='pt-cv-tax-tutelas-2012'>Tutelas 2012<\/a><\/div>\n<h4 class=\"pt-cv-title\"><a href=\"https:\/\/www.dmsjuridica.com\/buscador_20179478954\/corteconstitucionalcronologico202454587\/t-1013-12\/\" class=\"_self\" target=\"_self\" >T-1013-12<\/a><\/h4>\n<div class=\"pt-cv-content\">\u00a0 \u00a0 Sentencia T-1013\/12 \u00a0 DERECHO A LA PENSION DE INVALIDEZ-Casos en que el ISS y Porvenir S.A. niegan el reconocimiento de la pensi\u00f3n de invalidez, por no cumplir el requisito de cotizaci\u00f3n de las 50 semanas\u00a0 \u00a0 ACCION DE TUTELA PARA RECONOCIMIENTO DE DERECHOS PENSIONALES-Procedencia excepcional \u00a0 La Corte Constitucional ha establecido dos\u00a0subreglas\u00a0para el reconocimiento de derechos pensionales a trav\u00e9s de la acci\u00f3n de tutela. En primer lugar, si la tutela se presenta como mecanismo principal, para ello es preciso examinar que no exista otro medio judicial. Si no existe otro medio, o a\u00fan si existe pero \u00e9ste no ...<br \/><div class=\"pt-cv-rmwrap\"><a href=\"https:\/\/www.dmsjuridica.com\/buscador_20179478954\/corteconstitucionalcronologico202454587\/t-1013-12\/\" class=\"_self pt-cv-readmore btn btn-success\" target=\"_self\">Ver Sentencia Completa...<\/a><\/div><\/div><\/div><\/div>\n<div class=\"col-md-12 col-sm-12 col-xs-12 pt-cv-content-item pt-cv-1-col\" ><div class='pt-cv-ifield'><a href=\"https:\/\/www.dmsjuridica.com\/buscador_20179478954\/corteconstitucionalcronologico202454587\/t-1012-12\/\" class=\"_self pt-cv-href-thumbnail pt-cv-thumb-default\" target=\"_self\" ><\/a>\n<div class=\"pt-cv-taxoterm above_title\"><a href='https:\/\/www.dmsjuridica.com\/buscador_20179478954\/corteconstitucionalcronologico202454587\/category\/buscar-en-toda-la-corte\/2012\/tutelas-2012\/' title='Tutelas 2012' class='pt-cv-tax-tutelas-2012'>Tutelas 2012<\/a><\/div>\n<h4 class=\"pt-cv-title\"><a href=\"https:\/\/www.dmsjuridica.com\/buscador_20179478954\/corteconstitucionalcronologico202454587\/t-1012-12\/\" class=\"_self\" target=\"_self\" >T-1012-12<\/a><\/h4>\n<div class=\"pt-cv-content\">\u00a0 \u00a0 Sentencia T-1012\/12 \u00a0 DERECHO AL PAGO OPORTUNO DEL SALARIO-Procedencia excepcional de la acci\u00f3n de tutela \u00a0 La acci\u00f3n de tutela no procede como mecanismo para solicitar el pago de salarios adeudados por el empleador, sin embargo, es procedente cuando el fin sea el de evitar la\u00a0consumaci\u00f3n de un perjuicio irremediable que se puede presentar ante la mora en el pago del salario al ser el \u00fanico medio de sustento del trabajador y su familia, lo cual compromete la realizaci\u00f3n del derecho al m\u00ednimo vital, entendido como el conjunto de elementos m\u00ednimos para la subsistencia que son insustituibles para ...<br \/><div class=\"pt-cv-rmwrap\"><a href=\"https:\/\/www.dmsjuridica.com\/buscador_20179478954\/corteconstitucionalcronologico202454587\/t-1012-12\/\" class=\"_self pt-cv-readmore btn btn-success\" target=\"_self\">Ver Sentencia Completa...<\/a><\/div><\/div><\/div><\/div>\n<div class=\"col-md-12 col-sm-12 col-xs-12 pt-cv-content-item pt-cv-1-col\" ><div class='pt-cv-ifield'><a href=\"https:\/\/www.dmsjuridica.com\/buscador_20179478954\/corteconstitucionalcronologico202454587\/t-1011-12\/\" class=\"_self pt-cv-href-thumbnail pt-cv-thumb-default\" target=\"_self\" ><\/a>\n<div class=\"pt-cv-taxoterm above_title\"><a href='https:\/\/www.dmsjuridica.com\/buscador_20179478954\/corteconstitucionalcronologico202454587\/category\/buscar-en-toda-la-corte\/2012\/tutelas-2012\/' title='Tutelas 2012' class='pt-cv-tax-tutelas-2012'>Tutelas 2012<\/a><\/div>\n<h4 class=\"pt-cv-title\"><a href=\"https:\/\/www.dmsjuridica.com\/buscador_20179478954\/corteconstitucionalcronologico202454587\/t-1011-12\/\" class=\"_self\" target=\"_self\" >T-1011-12<\/a><\/h4>\n<div class=\"pt-cv-content\">\u00a0 \u00a0 Sentencia T-1011\/12 \u00a0 ACCION DE TUTELA PARA RECONOCIMIENTO DE PENSION DE INVALIDEZ-Caso de joven de 24 a\u00f1os en estado de invalidez en raz\u00f3n a una enfermedad com\u00fan que la llev\u00f3 a perder el 50,15 % de su capacidad laboral \u00a0 ACCION DE TUTELA PARA RECONOCIMIENTO DE DERECHOS PENSIONALES-Procedencia excepcional \u00a0 La Corte ha se\u00f1alado de manera reiterada que, por regla general, la tutela no procede para ordenar el reconocimiento de pensiones. Generalmente, para estos prop\u00f3sitos, existen medios ordinarios id\u00f3neos para resolver dichas pretensiones. Para esta Corporaci\u00f3n, dado el car\u00e1cter excepcional de este mecanismo constitucional de protecci\u00f3n de los ...<br \/><div class=\"pt-cv-rmwrap\"><a href=\"https:\/\/www.dmsjuridica.com\/buscador_20179478954\/corteconstitucionalcronologico202454587\/t-1011-12\/\" class=\"_self pt-cv-readmore btn btn-success\" target=\"_self\">Ver Sentencia Completa...<\/a><\/div><\/div><\/div><\/div>\n<div class=\"col-md-12 col-sm-12 col-xs-12 pt-cv-content-item pt-cv-1-col\" ><div class='pt-cv-ifield'><a href=\"https:\/\/www.dmsjuridica.com\/buscador_20179478954\/corteconstitucionalcronologico202454587\/t-1010-12\/\" class=\"_self pt-cv-href-thumbnail pt-cv-thumb-default\" target=\"_self\" ><\/a>\n<div class=\"pt-cv-taxoterm above_title\"><a href='https:\/\/www.dmsjuridica.com\/buscador_20179478954\/corteconstitucionalcronologico202454587\/category\/buscar-en-toda-la-corte\/2012\/tutelas-2012\/' title='Tutelas 2012' class='pt-cv-tax-tutelas-2012'>Tutelas 2012<\/a><\/div>\n<h4 class=\"pt-cv-title\"><a href=\"https:\/\/www.dmsjuridica.com\/buscador_20179478954\/corteconstitucionalcronologico202454587\/t-1010-12\/\" class=\"_self\" target=\"_self\" >T-1010-12<\/a><\/h4>\n<div class=\"pt-cv-content\">\u00a0 \u00a0 Sentencia T-1010\/12 \u00a0 CARENCIA ACTUAL DE OBJETO POR FALLECIMIENTO DEL PACIENTE-Reiteraci\u00f3n de jurisprudencia \u00a0 En los casos en los cuales el peticionario o beneficiario de la acci\u00f3n de amparo fallece durante su tr\u00e1mite, el juez de tutela debe analizar cada caso en concreto y as\u00ed determinar si se cumplen los supuestos para que haya (i) una sucesi\u00f3n procesal, (ii) se declare un da\u00f1o consumado o (iii) se reconozca la improcedencia de la acci\u00f3n, en este \u00faltimo caso, como consecuencia del car\u00e1cter personal\u00edsimo de la pretensi\u00f3n. \u00a0 CARENCIA ACTUAL DE OBJETO POR FALLECIMIENTO DEL PACIENTE-No existe una relaci\u00f3n entre ...<br \/><div class=\"pt-cv-rmwrap\"><a href=\"https:\/\/www.dmsjuridica.com\/buscador_20179478954\/corteconstitucionalcronologico202454587\/t-1010-12\/\" class=\"_self pt-cv-readmore btn btn-success\" target=\"_self\">Ver Sentencia Completa...<\/a><\/div><\/div><\/div><\/div>\n<div class=\"col-md-12 col-sm-12 col-xs-12 pt-cv-content-item pt-cv-1-col\" ><div class='pt-cv-ifield'><a href=\"https:\/\/www.dmsjuridica.com\/buscador_20179478954\/corteconstitucionalcronologico202454587\/t-101-12\/\" class=\"_self pt-cv-href-thumbnail pt-cv-thumb-default\" target=\"_self\" ><\/a>\n<div class=\"pt-cv-taxoterm above_title\"><a href='https:\/\/www.dmsjuridica.com\/buscador_20179478954\/corteconstitucionalcronologico202454587\/category\/buscar-en-toda-la-corte\/2012\/tutelas-2012\/' title='Tutelas 2012' class='pt-cv-tax-tutelas-2012'>Tutelas 2012<\/a><\/div>\n<h4 class=\"pt-cv-title\"><a href=\"https:\/\/www.dmsjuridica.com\/buscador_20179478954\/corteconstitucionalcronologico202454587\/t-101-12\/\" class=\"_self\" target=\"_self\" >T-101-12<\/a><\/h4>\n<div class=\"pt-cv-content\">\u00a0 \u00a0 Sentencia T-101\/12\u00a0 \u00a0 (Bogot\u00e1 D.C., febrero 20 de 2012) \u00a0 ACCION DE TUTELA CONTRA EL INSTITUTO DE SEGUROS SOCIALES-Reconocimiento y pago de la pensi\u00f3n de invalidez \u00a0 INSTITUTO DE SEGUROS SOCIALES-Empresa industrial y comercial del Estado del orden nacional \u00a0 DERECHO A LA SEGURIDAD SOCIAL-Pensi\u00f3n de invalidez e indemnizaci\u00f3n sustitutiva \u00a0 SISTEMA DE SEGURIDAD SOCIAL EN PENSIONES-Objeto \u00a0 CALIFICACION DE INVALIDEZ-Alcance \u00a0 PENSION DE INVALIDEZ-Orden al Instituto de seguros Sociales emitir nuevo dictamen sobre la fecha de estructuraci\u00f3n de la invalidez \u00a0 Referencia: expediente T-3.173.608 \u00a0 \u00a0\u00a0 Fallos de tutela objeto de revisi\u00f3n: sentencia del Tribunal Superior de ...<br \/><div class=\"pt-cv-rmwrap\"><a href=\"https:\/\/www.dmsjuridica.com\/buscador_20179478954\/corteconstitucionalcronologico202454587\/t-101-12\/\" class=\"_self pt-cv-readmore btn btn-success\" target=\"_self\">Ver Sentencia Completa...<\/a><\/div><\/div><\/div><\/div>\n<div class=\"col-md-12 col-sm-12 col-xs-12 pt-cv-content-item pt-cv-1-col\" ><div class='pt-cv-ifield'><a href=\"https:\/\/www.dmsjuridica.com\/buscador_20179478954\/corteconstitucionalcronologico202454587\/t-1009-12\/\" class=\"_self pt-cv-href-thumbnail pt-cv-thumb-default\" target=\"_self\" ><\/a>\n<div class=\"pt-cv-taxoterm above_title\"><a href='https:\/\/www.dmsjuridica.com\/buscador_20179478954\/corteconstitucionalcronologico202454587\/category\/buscar-en-toda-la-corte\/2012\/tutelas-2012\/' title='Tutelas 2012' class='pt-cv-tax-tutelas-2012'>Tutelas 2012<\/a><\/div>\n<h4 class=\"pt-cv-title\"><a href=\"https:\/\/www.dmsjuridica.com\/buscador_20179478954\/corteconstitucionalcronologico202454587\/t-1009-12\/\" class=\"_self\" target=\"_self\" >T-1009-12<\/a><\/h4>\n<div class=\"pt-cv-content\">\u00a0 \u00a0 Sentencia T-1009\/12 \u00a0 RETIRO DISCRECIONAL DE OFICIALES Y SUBOFICIALES DE LA POLICIA-Caso en que patrullero es retirado del servicio por decisi\u00f3n discrecional del Director previa recomendaci\u00f3n de la Junta de Evaluaci\u00f3n y Clasificaci\u00f3n de Suboficiales\u00a0 \u00a0 LEGITIMACION EN LA CAUSA POR PASIVA EN TUTELA-Reiteraci\u00f3n de jurisprudencia \u00a0 Puede haber agencia de los derechos ajenos, siempre que el agente oficioso: i) exprese que est\u00e1 obrando en dicha calidad, ii) demuestre que el agenciado se encuentra en imposibilidad f\u00edsica o mental de ejercer su propia defensa, condici\u00f3n que puede ser acreditada de manera t\u00e1cita o expresa, y que, iii) se ...<br \/><div class=\"pt-cv-rmwrap\"><a href=\"https:\/\/www.dmsjuridica.com\/buscador_20179478954\/corteconstitucionalcronologico202454587\/t-1009-12\/\" class=\"_self pt-cv-readmore btn btn-success\" target=\"_self\">Ver Sentencia Completa...<\/a><\/div><\/div><\/div><\/div>\n<div class=\"col-md-12 col-sm-12 col-xs-12 pt-cv-content-item pt-cv-1-col\" ><div class='pt-cv-ifield'><a href=\"https:\/\/www.dmsjuridica.com\/buscador_20179478954\/corteconstitucionalcronologico202454587\/t-1008-12\/\" class=\"_self pt-cv-href-thumbnail pt-cv-thumb-default\" target=\"_self\" ><\/a>\n<div class=\"pt-cv-taxoterm above_title\"><a href='https:\/\/www.dmsjuridica.com\/buscador_20179478954\/corteconstitucionalcronologico202454587\/category\/buscar-en-toda-la-corte\/2012\/tutelas-2012\/' title='Tutelas 2012' class='pt-cv-tax-tutelas-2012'>Tutelas 2012<\/a><\/div>\n<h4 class=\"pt-cv-title\"><a href=\"https:\/\/www.dmsjuridica.com\/buscador_20179478954\/corteconstitucionalcronologico202454587\/t-1008-12\/\" class=\"_self\" target=\"_self\" >T-1008-12<\/a><\/h4>\n<div class=\"pt-cv-content\">\u00a0 \u00a0 Sentencia T-1008\/12 \u00a0 LEGITIMACION POR ACTIVA EN TUTELA-Contenido y alcance \u00a0 ACCION DE TUTELA-Falta de legitimaci\u00f3n para solicitar la protecci\u00f3n de derechos fundamentales de propietarios de urbanizaci\u00f3n\u00a0 \u00a0 LEGITIMACION POR PASIVA EN TUTELA-Contenido y alcance \u00a0 ACCION DE TUTELA CONTRA ENTIDADES PRIVADAS PARA CORRECCION O ACTUALIZACION DE INFORMACION-Se requiere que previamente, la persona haya hecho la solicitud de correcci\u00f3n o rectificaci\u00f3n a la entidad respectiva \u00a0 ACCION DE TUTELA-Subsidiariedad\/ACCION DE TUTELA-Naturaleza subsidiaria \u00a0\u00a0 \u00a0 ACCION DE TUTELA-Improcedencia por falta del requisito de subsidiariedad \u00a0 ACCION DE TUTELA CONTRA PROVIDENCIAS-Exige que el actor identifique, de forma razonable, los hechos ...<br \/><div class=\"pt-cv-rmwrap\"><a href=\"https:\/\/www.dmsjuridica.com\/buscador_20179478954\/corteconstitucionalcronologico202454587\/t-1008-12\/\" class=\"_self pt-cv-readmore btn btn-success\" target=\"_self\">Ver Sentencia Completa...<\/a><\/div><\/div><\/div><\/div>\n<div class=\"col-md-12 col-sm-12 col-xs-12 pt-cv-content-item pt-cv-1-col\" ><div class='pt-cv-ifield'><a href=\"https:\/\/www.dmsjuridica.com\/buscador_20179478954\/corteconstitucionalcronologico202454587\/t-1007-12\/\" class=\"_self pt-cv-href-thumbnail pt-cv-thumb-default\" target=\"_self\" ><\/a>\n<div class=\"pt-cv-taxoterm above_title\"><a href='https:\/\/www.dmsjuridica.com\/buscador_20179478954\/corteconstitucionalcronologico202454587\/category\/buscar-en-toda-la-corte\/2012\/tutelas-2012\/' title='Tutelas 2012' class='pt-cv-tax-tutelas-2012'>Tutelas 2012<\/a><\/div>\n<h4 class=\"pt-cv-title\"><a href=\"https:\/\/www.dmsjuridica.com\/buscador_20179478954\/corteconstitucionalcronologico202454587\/t-1007-12\/\" class=\"_self\" target=\"_self\" >T-1007-12<\/a><\/h4>\n<div class=\"pt-cv-content\">\u00a0 \u00a0 Sentencia T-1007\/12 \u00a0 PRINCIPIO DE SUBSIDIARIEDAD COMO REQUISITO DE PROCEDIBILIDAD DE LA ACCION DE TUTELA-Reiteraci\u00f3n de jurisprudencia \u00a0 ACCION DE TUTELA PARA RECLAMAR ACREENCIAS LABORALES-Procedencia excepcional \u00a0 ACCION DE TUTELA PARA RECLAMAR ACREENCIAS LABORALES-Caso en que alcald\u00eda municipal le adeuda a la accionante el pago de los salarios y prestaciones sociales desde el 4 de noviembre de 2008 hasta el 31 de diciembre de 2011\u00a0 \u00a0 ACCION DE TUTELA PARA RECLAMAR ACREENCIAS LABORALES-Improcedencia por no acreditarse la existencia de un perjuicio irremediable y adem\u00e1s contar con el proceso ejecutivo laboral para obtener el pago\u00a0 \u00a0 Referencia: Expediente T-3.575.542 ...<br \/><div class=\"pt-cv-rmwrap\"><a href=\"https:\/\/www.dmsjuridica.com\/buscador_20179478954\/corteconstitucionalcronologico202454587\/t-1007-12\/\" class=\"_self pt-cv-readmore btn btn-success\" target=\"_self\">Ver Sentencia Completa...<\/a><\/div><\/div><\/div><\/div>\n<div class=\"col-md-12 col-sm-12 col-xs-12 pt-cv-content-item pt-cv-1-col\" ><div class='pt-cv-ifield'><a href=\"https:\/\/www.dmsjuridica.com\/buscador_20179478954\/corteconstitucionalcronologico202454587\/t-1006-12\/\" class=\"_self pt-cv-href-thumbnail pt-cv-thumb-default\" target=\"_self\" ><\/a>\n<div class=\"pt-cv-taxoterm above_title\"><a href='https:\/\/www.dmsjuridica.com\/buscador_20179478954\/corteconstitucionalcronologico202454587\/category\/buscar-en-toda-la-corte\/2012\/tutelas-2012\/' title='Tutelas 2012' class='pt-cv-tax-tutelas-2012'>Tutelas 2012<\/a><\/div>\n<h4 class=\"pt-cv-title\"><a href=\"https:\/\/www.dmsjuridica.com\/buscador_20179478954\/corteconstitucionalcronologico202454587\/t-1006-12\/\" class=\"_self\" target=\"_self\" >T-1006-12<\/a><\/h4>\n<div class=\"pt-cv-content\">\u00a0 \u00a0 Sentencia T-1006\/12 \u00a0 ACCION DE TUTELA PARA RECONOCIMIENTO Y PAGO DE PRESTACIONES SOCIALES-Improcedencia general \u00a0 La jurisprudencia reiterada de esta Corporaci\u00f3n ha precisado que la acci\u00f3n de tutela no es el medio de defensa judicial id\u00f3neo para resolver los conflictos relacionados con el reconocimiento o la reliquidaci\u00f3n de prestaciones sociales. No obstante lo anterior, la Corte ha establecido que, excepcionalmente, es posible que por la v\u00eda del amparo constitucional sean analizados los debates que se promuevan frente al reconocimiento de esta clase de derechos. Ser\u00e1 necesario entonces que el accionante haya demostrado que en su caso particular, o ...<br \/><div class=\"pt-cv-rmwrap\"><a href=\"https:\/\/www.dmsjuridica.com\/buscador_20179478954\/corteconstitucionalcronologico202454587\/t-1006-12\/\" class=\"_self pt-cv-readmore btn btn-success\" target=\"_self\">Ver Sentencia Completa...<\/a><\/div><\/div><\/div><\/div>\n<div class=\"col-md-12 col-sm-12 col-xs-12 pt-cv-content-item pt-cv-1-col\" ><div class='pt-cv-ifield'><a href=\"https:\/\/www.dmsjuridica.com\/buscador_20179478954\/corteconstitucionalcronologico202454587\/t-1005-12\/\" class=\"_self pt-cv-href-thumbnail pt-cv-thumb-default\" target=\"_self\" ><\/a>\n<div class=\"pt-cv-taxoterm above_title\"><a href='https:\/\/www.dmsjuridica.com\/buscador_20179478954\/corteconstitucionalcronologico202454587\/category\/buscar-en-toda-la-corte\/2012\/tutelas-2012\/' title='Tutelas 2012' class='pt-cv-tax-tutelas-2012'>Tutelas 2012<\/a><\/div>\n<h4 class=\"pt-cv-title\"><a href=\"https:\/\/www.dmsjuridica.com\/buscador_20179478954\/corteconstitucionalcronologico202454587\/t-1005-12\/\" class=\"_self\" target=\"_self\" >T-1005-12<\/a><\/h4>\n<div class=\"pt-cv-content\">\u00a0 \u00a0 Sentencia T-1005\/12 \u00a0 ACCION DE TUTELA EN MATERIA DE DESPLAZAMIENTO FORZADO-Caso en que la autoridad competente niega los registros de los accionantes como v\u00edctimas del desplazamiento forzado por considerar que faltaron a la verdad o que existen razones objetivas y fundadas \u00a0 DESPLAZAMIENTO FORZADO INTERNO-Procedencia de la acci\u00f3n de tutela como mecanismo de protecci\u00f3n de los derechos fundamentales de la poblaci\u00f3n desplazada \u00a0 Esta Corporaci\u00f3n por regla general ha considerado, en jurisprudencia reiterada y uniforme, que a las personas v\u00edctimas del desplazamiento forzado \"es desproporcionado exigirle el agotamiento previo de recursos ordinarios como requisito de procedibilidad del amparo ...<br \/><div class=\"pt-cv-rmwrap\"><a href=\"https:\/\/www.dmsjuridica.com\/buscador_20179478954\/corteconstitucionalcronologico202454587\/t-1005-12\/\" class=\"_self pt-cv-readmore btn btn-success\" target=\"_self\">Ver Sentencia Completa...<\/a><\/div><\/div><\/div><\/div>\n<div class=\"col-md-12 col-sm-12 col-xs-12 pt-cv-content-item pt-cv-1-col\" ><div class='pt-cv-ifield'><a href=\"https:\/\/www.dmsjuridica.com\/buscador_20179478954\/corteconstitucionalcronologico202454587\/t-1004-12\/\" class=\"_self pt-cv-href-thumbnail pt-cv-thumb-default\" target=\"_self\" ><\/a>\n<div class=\"pt-cv-taxoterm above_title\"><a href='https:\/\/www.dmsjuridica.com\/buscador_20179478954\/corteconstitucionalcronologico202454587\/category\/buscar-en-toda-la-corte\/2012\/tutelas-2012\/' title='Tutelas 2012' class='pt-cv-tax-tutelas-2012'>Tutelas 2012<\/a><\/div>\n<h4 class=\"pt-cv-title\"><a href=\"https:\/\/www.dmsjuridica.com\/buscador_20179478954\/corteconstitucionalcronologico202454587\/t-1004-12\/\" class=\"_self\" target=\"_self\" >T-1004-12<\/a><\/h4>\n<div class=\"pt-cv-content\">\u00a0 \u00a0 Sentencia T-1004\/12 \u00a0 ADULTO MAYOR-Protecci\u00f3n especial en materia pensional \u00a0 En materia pensional, la edad ha sido valorada por esta Corte como factor de vulneraci\u00f3n, para establecer la procedencia de la acci\u00f3n de tutela por cuanto ha estimado que los adultos mayores se encuentran en una posici\u00f3n de debilidad e indefensi\u00f3n, en tanto est\u00e1n limitados para obtener los ingresos econ\u00f3micos que les permitan disfrutar de una vida digna. Por consiguiente, es indispensable otorgarles un trato preferente con el fin de evitar una posible afectaci\u00f3n de sus derechos fundamentales. \u00a0 DERECHO A LA PENSION DE SOBREVIVIENTES-Beneficiarios del pensionado \u00a0 ...<br \/><div class=\"pt-cv-rmwrap\"><a href=\"https:\/\/www.dmsjuridica.com\/buscador_20179478954\/corteconstitucionalcronologico202454587\/t-1004-12\/\" class=\"_self pt-cv-readmore btn btn-success\" target=\"_self\">Ver Sentencia Completa...<\/a><\/div><\/div><\/div><\/div>\n<div class=\"col-md-12 col-sm-12 col-xs-12 pt-cv-content-item pt-cv-1-col\" ><div class='pt-cv-ifield'><a href=\"https:\/\/www.dmsjuridica.com\/buscador_20179478954\/corteconstitucionalcronologico202454587\/t-1003-12\/\" class=\"_self pt-cv-href-thumbnail pt-cv-thumb-default\" target=\"_self\" ><\/a>\n<div class=\"pt-cv-taxoterm above_title\"><a href='https:\/\/www.dmsjuridica.com\/buscador_20179478954\/corteconstitucionalcronologico202454587\/category\/buscar-en-toda-la-corte\/2012\/tutelas-2012\/' title='Tutelas 2012' class='pt-cv-tax-tutelas-2012'>Tutelas 2012<\/a><\/div>\n<h4 class=\"pt-cv-title\"><a href=\"https:\/\/www.dmsjuridica.com\/buscador_20179478954\/corteconstitucionalcronologico202454587\/t-1003-12\/\" class=\"_self\" target=\"_self\" >T-1003-12<\/a><\/h4>\n<div class=\"pt-cv-content\">\u00a0 \u00a0 Sentencia T-1003\/12 \u00a0 ACCION DE TUTELA CONTRA PROVIDENCIAS JUDICIALES-Reglas de procedencia y procedibilidad \u00a0 La Corte ha establecido de manera extraordinaria la procedencia de la acci\u00f3n de tutela como medio para cuestionar decisiones judiciales que violan garant\u00edas constitucionales, en especial los derechos al debido proceso, acceso a la administraci\u00f3n de justicia y la prevalencia del derecho sustancial. Esta Corporaci\u00f3n ha se\u00f1alado como criterios de procedibilidad, unos de car\u00e1cter general, es decir, los que se requieren para habilitar la presentaci\u00f3n del amparo; y otros de car\u00e1cter espec\u00edfico, que versan sobre la procedencia de fondo de la tutela.\u00a0 \u00a0 ACCION ...<br \/><div class=\"pt-cv-rmwrap\"><a href=\"https:\/\/www.dmsjuridica.com\/buscador_20179478954\/corteconstitucionalcronologico202454587\/t-1003-12\/\" class=\"_self pt-cv-readmore btn btn-success\" target=\"_self\">Ver Sentencia Completa...<\/a><\/div><\/div><\/div><\/div>\n<div class=\"col-md-12 col-sm-12 col-xs-12 pt-cv-content-item pt-cv-1-col\" ><div class='pt-cv-ifield'><a href=\"https:\/\/www.dmsjuridica.com\/buscador_20179478954\/corteconstitucionalcronologico202454587\/t-1001-12\/\" class=\"_self pt-cv-href-thumbnail pt-cv-thumb-default\" target=\"_self\" ><\/a>\n<div class=\"pt-cv-taxoterm above_title\"><a href='https:\/\/www.dmsjuridica.com\/buscador_20179478954\/corteconstitucionalcronologico202454587\/category\/buscar-en-toda-la-corte\/2012\/tutelas-2012\/' title='Tutelas 2012' class='pt-cv-tax-tutelas-2012'>Tutelas 2012<\/a><\/div>\n<h4 class=\"pt-cv-title\"><a href=\"https:\/\/www.dmsjuridica.com\/buscador_20179478954\/corteconstitucionalcronologico202454587\/t-1001-12\/\" class=\"_self\" target=\"_self\" >T-1001-12<\/a><\/h4>\n<div class=\"pt-cv-content\">\u00a0 \u00a0 Sentencia T-1001\/12 \u00a0 ACCION DE TUTELA CONTRA PROVIDENCIAS JUDICIALES-Reglas de procedencia y procedibilidad conforme a la sentencia C-590\/05 \u00a0 La tutela solamente resulta viable contra providencias judiciales si se cumplen\u00a0ciertos y rigurosos requisitos de procedibilidad, algunos de car\u00e1cter general que habilitan el ejercicio de la acci\u00f3n, y otros de car\u00e1cter espec\u00edfico, que conciernen a la procedencia del amparo. Tales eventos comprenden la superaci\u00f3n del concepto de\u00a0\u201cv\u00eda de hecho\u201d\u00a0para en su lugar admitir el de\u00a0\u201cespec\u00edficos supuestos de procedencia\u201d\u00a0en eventos en los que si bien no se est\u00e1 ante una burda trasgresi\u00f3n de la Constituci\u00f3n, s\u00ed existen decisiones ileg\u00edtimas que ...<br \/><div class=\"pt-cv-rmwrap\"><a href=\"https:\/\/www.dmsjuridica.com\/buscador_20179478954\/corteconstitucionalcronologico202454587\/t-1001-12\/\" class=\"_self pt-cv-readmore btn btn-success\" target=\"_self\">Ver Sentencia Completa...<\/a><\/div><\/div><\/div><\/div>\n<div class=\"col-md-12 col-sm-12 col-xs-12 pt-cv-content-item pt-cv-1-col\" ><div class='pt-cv-ifield'><a href=\"https:\/\/www.dmsjuridica.com\/buscador_20179478954\/corteconstitucionalcronologico202454587\/t-1000-12\/\" class=\"_self pt-cv-href-thumbnail pt-cv-thumb-default\" target=\"_self\" ><\/a>\n<div class=\"pt-cv-taxoterm above_title\"><a href='https:\/\/www.dmsjuridica.com\/buscador_20179478954\/corteconstitucionalcronologico202454587\/category\/buscar-en-toda-la-corte\/2012\/tutelas-2012\/' title='Tutelas 2012' class='pt-cv-tax-tutelas-2012'>Tutelas 2012<\/a><\/div>\n<h4 class=\"pt-cv-title\"><a href=\"https:\/\/www.dmsjuridica.com\/buscador_20179478954\/corteconstitucionalcronologico202454587\/t-1000-12\/\" class=\"_self\" target=\"_self\" >T-1000-12<\/a><\/h4>\n<div class=\"pt-cv-content\">\u00a0 \u00a0 Sentencia T-1000\/12 \u00a0 DERECHO A LA PERSONALIDAD JURIDICA-Fundamental \u00a0 Desde una perspectiva constitucional esta Corporaci\u00c3\u00b3n ha precisado que el derecho a la personalidad jur\u00c3\u00addica es resultado de una reivindicaci\u00c3\u00b3n hist\u00c3\u00b3rica que ha permitido reconocer que todo ser humano, por su sola existencia, debe ser entendido como un sujeto de derechos. El derecho al reconocimiento de la personalidad jur\u00c3\u00addica es, entonces, el que materializa en primer lugar el principio rector de la dignidad humana, y proscribe con ello toda manifestaci\u00c3\u00b3n racista o totalitaria en contra de la libertad del hombre, al concretar que todo ser humano es titular de ...<br \/><div class=\"pt-cv-rmwrap\"><a href=\"https:\/\/www.dmsjuridica.com\/buscador_20179478954\/corteconstitucionalcronologico202454587\/t-1000-12\/\" class=\"_self pt-cv-readmore btn btn-success\" target=\"_self\">Ver Sentencia Completa...<\/a><\/div><\/div><\/div><\/div>\n<div class=\"col-md-12 col-sm-12 col-xs-12 pt-cv-content-item pt-cv-1-col\" ><div class='pt-cv-ifield'><a href=\"https:\/\/www.dmsjuridica.com\/buscador_20179478954\/corteconstitucionalcronologico202454587\/t-100-12\/\" class=\"_self pt-cv-href-thumbnail pt-cv-thumb-default\" target=\"_self\" ><\/a>\n<div class=\"pt-cv-taxoterm above_title\"><a href='https:\/\/www.dmsjuridica.com\/buscador_20179478954\/corteconstitucionalcronologico202454587\/category\/buscar-en-toda-la-corte\/2012\/tutelas-2012\/' title='Tutelas 2012' class='pt-cv-tax-tutelas-2012'>Tutelas 2012<\/a><\/div>\n<h4 class=\"pt-cv-title\"><a href=\"https:\/\/www.dmsjuridica.com\/buscador_20179478954\/corteconstitucionalcronologico202454587\/t-100-12\/\" class=\"_self\" target=\"_self\" >T-100-12<\/a><\/h4>\n<div class=\"pt-cv-content\">\u00a0 \u00a0 Sentencia T-100\/12 \u00a0 (Bogot\u00e1 D.C., febrero 20 de 2012) \u00a0 DERECHO FUNDAMENTAL AL MINIMO VITAL-Caso en que al demandante se le neg\u00f3 el reconocimiento de la pensi\u00f3n por no encontrar acreditada la cantidad m\u00ednima de semanas de cotizaci\u00f3n exigidas en Decreto 758\/90\/ACUMULACION DE TIEMPOS DE SERVICIOS-Caso en que se labor\u00f3 en el sector p\u00fablico sin cotizaci\u00f3n al ISS y el que se cotiz\u00f3 directamente a la entidad\/PENSION DE VEJEZ Y ACUMULACION DE TIEMPO DE SERVICIOS-Orden al ISS reconocer y pagar pensi\u00f3n de vejez \u00a0 La jurisprudencia de esta Corporaci\u00f3n ha sido enf\u00e1tica al resaltar que esta interpretaci\u00f3n de ...<br \/><div class=\"pt-cv-rmwrap\"><a href=\"https:\/\/www.dmsjuridica.com\/buscador_20179478954\/corteconstitucionalcronologico202454587\/t-100-12\/\" class=\"_self pt-cv-readmore btn btn-success\" target=\"_self\">Ver Sentencia Completa...<\/a><\/div><\/div><\/div><\/div>\n<div class=\"col-md-12 col-sm-12 col-xs-12 pt-cv-content-item pt-cv-1-col\" ><div class='pt-cv-ifield'><a href=\"https:\/\/www.dmsjuridica.com\/buscador_20179478954\/corteconstitucionalcronologico202454587\/t-099-12\/\" class=\"_self pt-cv-href-thumbnail pt-cv-thumb-default\" target=\"_self\" ><\/a>\n<div class=\"pt-cv-taxoterm above_title\"><a href='https:\/\/www.dmsjuridica.com\/buscador_20179478954\/corteconstitucionalcronologico202454587\/category\/buscar-en-toda-la-corte\/2012\/tutelas-2012\/' title='Tutelas 2012' class='pt-cv-tax-tutelas-2012'>Tutelas 2012<\/a><\/div>\n<h4 class=\"pt-cv-title\"><a href=\"https:\/\/www.dmsjuridica.com\/buscador_20179478954\/corteconstitucionalcronologico202454587\/t-099-12\/\" class=\"_self\" target=\"_self\" >T-099-12<\/a><\/h4>\n<div class=\"pt-cv-content\">\u00a0 \u00a0 \u00a0\u00a0 Sentencia T-099\/12 \u00a0 \u00a0(Bogot\u00e1, DC. febrero 20 de 2012) \u00a0 ACCION DE TUTELA EN MATERIA PENSIONAL-Caso en el que se pretend\u00eda demostrar la existencia de una relaci\u00f3n laboral de subordinaci\u00f3n \u00a0 SUBORDINACION-Definici\u00f3n \u00a0 INDEFENSION-Concepto \u00a0 COOPERATIVAS DE TRABAJO ASOCIADO-Naturaleza\/COOPERATIVAS DE TRABAJO ASOCIADO-Relaciones con sus asociados \u00a0 Las relaciones que surgen al interior de las mismas con sus asociados, en principio no encuadran en el marco de las relaciones de trabajo subordinado, sobre la base de que los mismos miembros son los due\u00f1os de la cooperativa y sus gestores, y en esa medida, no existe la dualidad de ...<br \/><div class=\"pt-cv-rmwrap\"><a href=\"https:\/\/www.dmsjuridica.com\/buscador_20179478954\/corteconstitucionalcronologico202454587\/t-099-12\/\" class=\"_self pt-cv-readmore btn btn-success\" target=\"_self\">Ver Sentencia Completa...<\/a><\/div><\/div><\/div><\/div>\n<div class=\"col-md-12 col-sm-12 col-xs-12 pt-cv-content-item pt-cv-1-col\" ><div class='pt-cv-ifield'><a href=\"https:\/\/www.dmsjuridica.com\/buscador_20179478954\/corteconstitucionalcronologico202454587\/t-098-12\/\" class=\"_self pt-cv-href-thumbnail pt-cv-thumb-default\" target=\"_self\" ><\/a>\n<div class=\"pt-cv-taxoterm above_title\"><a href='https:\/\/www.dmsjuridica.com\/buscador_20179478954\/corteconstitucionalcronologico202454587\/category\/buscar-en-toda-la-corte\/2012\/tutelas-2012\/' title='Tutelas 2012' class='pt-cv-tax-tutelas-2012'>Tutelas 2012<\/a><\/div>\n<h4 class=\"pt-cv-title\"><a href=\"https:\/\/www.dmsjuridica.com\/buscador_20179478954\/corteconstitucionalcronologico202454587\/t-098-12\/\" class=\"_self\" target=\"_self\" >T-098-12<\/a><\/h4>\n<div class=\"pt-cv-content\">\u00a0 \u00a0 \u00a0Sentencia T-098\/12 \u00a0 (Bogot\u00e1 D.C, febrero 16) \u00a0 ACCION DE TUTELA PARA LA PROTECCION DE LOS DERECHOS DEL PROPIETARIO-Caso en que no ha obtenido la entrega material del inmueble debido a su ocupaci\u00f3n por un tercero\/DERECHOS DEL PROPIETARIO-mecanismos alternativos para la protecci\u00f3n de los derechos del propietario, poseedor o tenedor\/ACCION REIVINDICATORIA\/ACCION POSESORIA-Finalidad\/ACCION POLICIVA-Prevista en el Decreto 1355 de 1970\/MEDIDAS POLICIVAS-Previstas en el Art. 69 de la Ley 9\/89 \u00a0 DEBER DE CUMPLIMIENTO DE UNA FUNCION ADMINISTRATIVA \u00a0 Este punto de partida permite concluir que en casos como los que ahora ocupan la atenci\u00f3n de esta Corporaci\u00f3n, no s\u00f3lo ...<br \/><div class=\"pt-cv-rmwrap\"><a href=\"https:\/\/www.dmsjuridica.com\/buscador_20179478954\/corteconstitucionalcronologico202454587\/t-098-12\/\" class=\"_self pt-cv-readmore btn btn-success\" target=\"_self\">Ver Sentencia Completa...<\/a><\/div><\/div><\/div><\/div>\n<div class=\"col-md-12 col-sm-12 col-xs-12 pt-cv-content-item pt-cv-1-col\" ><div class='pt-cv-ifield'><a href=\"https:\/\/www.dmsjuridica.com\/buscador_20179478954\/corteconstitucionalcronologico202454587\/t-097-12\/\" class=\"_self pt-cv-href-thumbnail pt-cv-thumb-default\" target=\"_self\" ><\/a>\n<div class=\"pt-cv-taxoterm above_title\"><a href='https:\/\/www.dmsjuridica.com\/buscador_20179478954\/corteconstitucionalcronologico202454587\/category\/buscar-en-toda-la-corte\/2012\/tutelas-2012\/' title='Tutelas 2012' class='pt-cv-tax-tutelas-2012'>Tutelas 2012<\/a><\/div>\n<h4 class=\"pt-cv-title\"><a href=\"https:\/\/www.dmsjuridica.com\/buscador_20179478954\/corteconstitucionalcronologico202454587\/t-097-12\/\" class=\"_self\" target=\"_self\" >T-097-12<\/a><\/h4>\n<div class=\"pt-cv-content\">\u00a0 \u00a0 Sentencia T-097\/12\u00a0 \u00a0 (Bogot\u00e1 D.C., febrero 16) \u00a0 AUTONOMIA DE LOS PUEBLOS INDIGENAS-Concepto \u00a0 AUTONOMIA INDIGENA-Limitaciones \u00a0 JURISDICCION ESPECIAL INDIGENA-Alcance \u00a0 JURISDICCION INDIGENA-Principios \u00a0 FUERO INDIGENA-Concepto \u00a0 El fuero ind\u00edgena ha sido definido como un derecho de los miembros de las comunidades ind\u00edgenas que se adquiere por el hecho de pertenecer a las mismas, y que consiste en la posibilidad de ser juzgados por las autoridades ind\u00edgenas, con arreglo a sus normas y procedimientos, y cuyo objeto es el juzgamiento acorde con los usos y costumbres de dichas comunidades. \u00a0 FUERO INDIGENA-Factor personal y territorial\u00a0 \u00a0 PENA-Funci\u00f3n en ...<br \/><div class=\"pt-cv-rmwrap\"><a href=\"https:\/\/www.dmsjuridica.com\/buscador_20179478954\/corteconstitucionalcronologico202454587\/t-097-12\/\" class=\"_self pt-cv-readmore btn btn-success\" target=\"_self\">Ver Sentencia Completa...<\/a><\/div><\/div><\/div><\/div>\n<div class=\"col-md-12 col-sm-12 col-xs-12 pt-cv-content-item pt-cv-1-col\" ><div class='pt-cv-ifield'><a href=\"https:\/\/www.dmsjuridica.com\/buscador_20179478954\/corteconstitucionalcronologico202454587\/t-096-12\/\" class=\"_self pt-cv-href-thumbnail pt-cv-thumb-default\" target=\"_self\" ><\/a>\n<div class=\"pt-cv-taxoterm above_title\"><a href='https:\/\/www.dmsjuridica.com\/buscador_20179478954\/corteconstitucionalcronologico202454587\/category\/buscar-en-toda-la-corte\/2012\/tutelas-2012\/' title='Tutelas 2012' class='pt-cv-tax-tutelas-2012'>Tutelas 2012<\/a><\/div>\n<h4 class=\"pt-cv-title\"><a href=\"https:\/\/www.dmsjuridica.com\/buscador_20179478954\/corteconstitucionalcronologico202454587\/t-096-12\/\" class=\"_self\" target=\"_self\" >T-096-12<\/a><\/h4>\n<div class=\"pt-cv-content\">\u00a0 \u00a0 \u00a0\u00a0 Sentencia T-096\/12\u00a0 \u00a0 (Bogot\u00e1 D.C., febrero 16) \u00a0 DERECHO A LA IGUALDAD-Fundamental \u00a0 JUEZ DE TUTELA-Protecci\u00f3n al derecho de igualdad \u00a0 Para efectos de que el juez de tutela pueda determinar la vulneraci\u00f3n de la igualdad, debe comprobar, no s\u00f3lo que existan razones objetivas en las que se ampara el trato diferente sino tambi\u00e9n en la proporcionalidad que exista entre la finalidad perseguida y los medios utilizados para sustentar dicho trato, pudiendo existir condiciones razonables que permitan la posibilidad de otorgar un trato diferente. \u00a0 JUICIO DE PROPORCIONALIDAD-Violaci\u00f3n del derecho a la igualdad \u00a0 Referencia: expediente T-3.158.943 ...<br \/><div class=\"pt-cv-rmwrap\"><a href=\"https:\/\/www.dmsjuridica.com\/buscador_20179478954\/corteconstitucionalcronologico202454587\/t-096-12\/\" class=\"_self pt-cv-readmore btn btn-success\" target=\"_self\">Ver Sentencia Completa...<\/a><\/div><\/div><\/div><\/div>\n<div class=\"col-md-12 col-sm-12 col-xs-12 pt-cv-content-item pt-cv-1-col\" ><div class='pt-cv-ifield'><a href=\"https:\/\/www.dmsjuridica.com\/buscador_20179478954\/corteconstitucionalcronologico202454587\/t-095-12\/\" class=\"_self pt-cv-href-thumbnail pt-cv-thumb-default\" target=\"_self\" ><\/a>\n<div class=\"pt-cv-taxoterm above_title\"><a href='https:\/\/www.dmsjuridica.com\/buscador_20179478954\/corteconstitucionalcronologico202454587\/category\/buscar-en-toda-la-corte\/2012\/tutelas-2012\/' title='Tutelas 2012' class='pt-cv-tax-tutelas-2012'>Tutelas 2012<\/a><\/div>\n<h4 class=\"pt-cv-title\"><a href=\"https:\/\/www.dmsjuridica.com\/buscador_20179478954\/corteconstitucionalcronologico202454587\/t-095-12\/\" class=\"_self\" target=\"_self\" >T-095-12<\/a><\/h4>\n<div class=\"pt-cv-content\">\u00a0 \u00a0 Sentencia T-095\/12\u00a0 \u00a0 (Bogot\u00e1 D.C., febrero 16 de 2012) \u00a0 ACCION DE TUTELA PARA EL RECONOCIMIENTO Y PAGO DE PRESTACIONES SOCIALES-Procedencia excepcional \u00a0 ACUERDOS DE REESTRUCTURACION-Naturaleza y r\u00e9gimen legal \u00a0 Los acuerdos de reestructuraci\u00f3n tienen como prop\u00f3sito conferirles a las personas sometidas a la ley 550 un instrumento que permita \u00a0superar la situaci\u00f3n de crisis en la que se encuentra a trav\u00e9s de la consolidaci\u00f3n de un documento en el que las partes expresan su voluntad creando, extinguiendo o modificando obligaciones las cuales producen efectos jur\u00eddicos para los firmantes. \u00a0 PRINCIPIO DE IGUALDAD DE ACREEDORES EN PROCESOS CONCURSALES-Vulneraci\u00f3n ...<br \/><div class=\"pt-cv-rmwrap\"><a href=\"https:\/\/www.dmsjuridica.com\/buscador_20179478954\/corteconstitucionalcronologico202454587\/t-095-12\/\" class=\"_self pt-cv-readmore btn btn-success\" target=\"_self\">Ver Sentencia Completa...<\/a><\/div><\/div><\/div><\/div>\n<div class=\"col-md-12 col-sm-12 col-xs-12 pt-cv-content-item pt-cv-1-col\" ><div class='pt-cv-ifield'><a href=\"https:\/\/www.dmsjuridica.com\/buscador_20179478954\/corteconstitucionalcronologico202454587\/t-094-12\/\" class=\"_self pt-cv-href-thumbnail pt-cv-thumb-default\" target=\"_self\" ><\/a>\n<div class=\"pt-cv-taxoterm above_title\"><a href='https:\/\/www.dmsjuridica.com\/buscador_20179478954\/corteconstitucionalcronologico202454587\/category\/buscar-en-toda-la-corte\/2012\/tutelas-2012\/' title='Tutelas 2012' class='pt-cv-tax-tutelas-2012'>Tutelas 2012<\/a><\/div>\n<h4 class=\"pt-cv-title\"><a href=\"https:\/\/www.dmsjuridica.com\/buscador_20179478954\/corteconstitucionalcronologico202454587\/t-094-12\/\" class=\"_self\" target=\"_self\" >T-094-12<\/a><\/h4>\n<div class=\"pt-cv-content\">\u00a0 \u00a0 Sentencia T-094\/12 \u00a0 \u00a0(Bogot\u00e1, DC, febrero 16) \u00a0 ACCION DE TUTELA CONTRA PROVIDENCIAS JUDICIALES-Caso en que se niega reconocimiento de pensi\u00f3n de sobrevivientes por parte de los jueces ordinarios \u00a0 ACCION DE TUTELA CONTRA PROVIDENCIAS JUDICIALES-Reiteraci\u00f3n de jurisprudencia sobre procedencia excepcional \u00a0 DEFECTO SUSTANTIVO COMO CAUSAL ESPECIFICA DE PROCEDIBILIDAD DE LA ACCION DE TUTELA CONTRA PROVIDENCIAS JUDICIALES-Reiteraci\u00f3n de jurisprudencia \u00a0 VIA DE HECHO JUDICIAL-Aplicaci\u00f3n restrictiva en materia de interpretaci\u00f3n \u00a0 VIA DE HECHO EN MATERIA DE INTERPRETACION-No se configura por el simple hecho de contrariar criterio de otros operadores jur\u00eddicos\/INTERPRETACION DE FUENTES FORMALES DEL DERECHO-Autonom\u00eda judicial \u00a0 Referencia: ...<br \/><div class=\"pt-cv-rmwrap\"><a href=\"https:\/\/www.dmsjuridica.com\/buscador_20179478954\/corteconstitucionalcronologico202454587\/t-094-12\/\" class=\"_self pt-cv-readmore btn btn-success\" target=\"_self\">Ver Sentencia Completa...<\/a><\/div><\/div><\/div><\/div>\n<div class=\"col-md-12 col-sm-12 col-xs-12 pt-cv-content-item pt-cv-1-col\" ><div class='pt-cv-ifield'><a href=\"https:\/\/www.dmsjuridica.com\/buscador_20179478954\/corteconstitucionalcronologico202454587\/t-093-12\/\" class=\"_self pt-cv-href-thumbnail pt-cv-thumb-default\" target=\"_self\" ><\/a>\n<div class=\"pt-cv-taxoterm above_title\"><a href='https:\/\/www.dmsjuridica.com\/buscador_20179478954\/corteconstitucionalcronologico202454587\/category\/buscar-en-toda-la-corte\/2012\/tutelas-2012\/' title='Tutelas 2012' class='pt-cv-tax-tutelas-2012'>Tutelas 2012<\/a><\/div>\n<h4 class=\"pt-cv-title\"><a href=\"https:\/\/www.dmsjuridica.com\/buscador_20179478954\/corteconstitucionalcronologico202454587\/t-093-12\/\" class=\"_self\" target=\"_self\" >T-093-12<\/a><\/h4>\n<div class=\"pt-cv-content\">\u00a0 \u00a0 Sentencia T-093\/12\u00a0 \u00a0 (Bogot\u00e1 D.C, febrero 16) \u00a0 DERECHO DE PETICION-Concepto y alcance \u00a0 DERECHO DE PETICION ANTE ORGANISMO INTERNACIONAL\/PRINCIPIO DE INMUNIDAD DE JURISDICCION Y ACCION DE TUTELA CONTRA ORGANISMOS INTERNACIONALES PARA OBTENER LA PROTECCION DEL DERECHO DE PETICION-Procedencia \u00a0 AUTORIDAD PUBLICA-Concepto \u00a0 ACTUACIONES U OMISIONES DE ORGANISMOS INTERNACIONALES-Posibilidad de acudir ante los jueces nacionales para reclamar la protecci\u00f3n de derechos \u00a0 INMUNIDAD-Regla de car\u00e1cter procesal que opera como excepci\u00f3n \u00a0 La inmunidad reviste de dos manifestaciones fundamentales: (i) la inmunidad de jurisdicci\u00f3n como tal, que se refiere a la incompetencia de los jueces nacionales para juzgar a ...<br \/><div class=\"pt-cv-rmwrap\"><a href=\"https:\/\/www.dmsjuridica.com\/buscador_20179478954\/corteconstitucionalcronologico202454587\/t-093-12\/\" class=\"_self pt-cv-readmore btn btn-success\" target=\"_self\">Ver Sentencia Completa...<\/a><\/div><\/div><\/div><\/div>\n<div class=\"col-md-12 col-sm-12 col-xs-12 pt-cv-content-item pt-cv-1-col\" ><div class='pt-cv-ifield'><a href=\"https:\/\/www.dmsjuridica.com\/buscador_20179478954\/corteconstitucionalcronologico202454587\/t-092-12\/\" class=\"_self pt-cv-href-thumbnail pt-cv-thumb-default\" target=\"_self\" ><\/a>\n<div class=\"pt-cv-taxoterm above_title\"><a href='https:\/\/www.dmsjuridica.com\/buscador_20179478954\/corteconstitucionalcronologico202454587\/category\/buscar-en-toda-la-corte\/2012\/tutelas-2012\/' title='Tutelas 2012' class='pt-cv-tax-tutelas-2012'>Tutelas 2012<\/a><\/div>\n<h4 class=\"pt-cv-title\"><a href=\"https:\/\/www.dmsjuridica.com\/buscador_20179478954\/corteconstitucionalcronologico202454587\/t-092-12\/\" class=\"_self\" target=\"_self\" >T-092-12<\/a><\/h4>\n<div class=\"pt-cv-content\">(Bogot\u00e1 D.C., febrero 16 de 2012) \u00a0 ACCION DE TUTELA CONTRA ACCION SOCIAL POR AMENAZAS DE GRUPOS ARMADOS AL MARGEN DE LA LEY-Inscripci\u00f3n al RUPD de accionante y su n\u00facleo familiar como v\u00edctimas de desplazamiento forzado\u00a0 \u00a0 LEGITIMACION POR ACTIVA EN TUTELA-Interposici\u00f3n \u00a0 ACCION DE TUTEL APARA LA PROTECCION DE LOS DERECHOS FUNDAMENTALES DE LA POBLACION DESPLAZADA-Procedencia\u00a0 \u00a0 PERSONAS DESPLAZADAS POR LA VIOLENCIA-Sujetos de especial protecci\u00f3n \u00a0 REGISTRO UNICO DE POBLACION DESPLAZADA-Deber en cabeza del Estado de verificar los hechos alegados por los solicitantes, los par\u00e1metros de interpretaci\u00f3n de las solicitudes y las causales que permiten a las entidades del ...<br \/><div class=\"pt-cv-rmwrap\"><a href=\"https:\/\/www.dmsjuridica.com\/buscador_20179478954\/corteconstitucionalcronologico202454587\/t-092-12\/\" class=\"_self pt-cv-readmore btn btn-success\" target=\"_self\">Ver Sentencia Completa...<\/a><\/div><\/div><\/div><\/div>\n<div class=\"col-md-12 col-sm-12 col-xs-12 pt-cv-content-item pt-cv-1-col\" ><div class='pt-cv-ifield'><a href=\"https:\/\/www.dmsjuridica.com\/buscador_20179478954\/corteconstitucionalcronologico202454587\/t-091-12\/\" class=\"_self pt-cv-href-thumbnail pt-cv-thumb-default\" target=\"_self\" ><\/a>\n<div class=\"pt-cv-taxoterm above_title\"><a href='https:\/\/www.dmsjuridica.com\/buscador_20179478954\/corteconstitucionalcronologico202454587\/category\/buscar-en-toda-la-corte\/2012\/tutelas-2012\/' title='Tutelas 2012' class='pt-cv-tax-tutelas-2012'>Tutelas 2012<\/a><\/div>\n<h4 class=\"pt-cv-title\"><a href=\"https:\/\/www.dmsjuridica.com\/buscador_20179478954\/corteconstitucionalcronologico202454587\/t-091-12\/\" class=\"_self\" target=\"_self\" >T-091-12<\/a><\/h4>\n<div class=\"pt-cv-content\">ACCION DE TUTELA-Improcedencia para ordenar reconocimiento o reajuste de una pensi\u00f3n \u00a0 Debido a la naturaleza residual de esta acci\u00f3n, la Corte Constitucional ha reiterado que, en principio, la acci\u00f3n de tutela no es la v\u00eda judicial apropiada para lograr el reconocimiento y pago de una prestaci\u00f3n econ\u00f3mica como lo es la pensi\u00f3n, pues tales controversias de car\u00e1cter litigioso deben ser resueltas por la jurisdicci\u00f3n laboral toda vez que el juez constitucional no es la autoridad judicial competente para ello, debido a que existen otras v\u00edas judiciales para reclamar el reconocimiento de tales derechos. No obstante, la Corte ha sostenido ...<br \/><div class=\"pt-cv-rmwrap\"><a href=\"https:\/\/www.dmsjuridica.com\/buscador_20179478954\/corteconstitucionalcronologico202454587\/t-091-12\/\" class=\"_self pt-cv-readmore btn btn-success\" target=\"_self\">Ver Sentencia Completa...<\/a><\/div><\/div><\/div><\/div>\n<div class=\"col-md-12 col-sm-12 col-xs-12 pt-cv-content-item pt-cv-1-col\" ><div class='pt-cv-ifield'><a href=\"https:\/\/www.dmsjuridica.com\/buscador_20179478954\/corteconstitucionalcronologico202454587\/t-090-12\/\" class=\"_self pt-cv-href-thumbnail pt-cv-thumb-default\" target=\"_self\" ><\/a>\n<div class=\"pt-cv-taxoterm above_title\"><a href='https:\/\/www.dmsjuridica.com\/buscador_20179478954\/corteconstitucionalcronologico202454587\/category\/buscar-en-toda-la-corte\/2012\/tutelas-2012\/' title='Tutelas 2012' class='pt-cv-tax-tutelas-2012'>Tutelas 2012<\/a><\/div>\n<h4 class=\"pt-cv-title\"><a href=\"https:\/\/www.dmsjuridica.com\/buscador_20179478954\/corteconstitucionalcronologico202454587\/t-090-12\/\" class=\"_self\" target=\"_self\" >T-090-12<\/a><\/h4>\n<div class=\"pt-cv-content\">\u00a0 \u00a0 Sentencia T-090\/12 \u00a0 ACCION DE TUTELA CONTRA ACTOS ADMINISTRATIVOS-Reiteraci\u00f3n de jurisprudencia sobre procedencia excepcional \u00a0 La Corte ha indicado que la acci\u00f3n de tutela es improcedente como mecanismo principal cuando se trata de proteger los derechos fundamentales que resulten amenazados o vulnerados con ocasi\u00f3n de la expedici\u00f3n de actos administrativos, ello en raz\u00f3n a que existen otros mecanismos tanto administrativos como judiciales para su defensa; pero, precis\u00f3 que s\u00ed procede como mecanismo transitorio cuando se pretenda evitar la configuraci\u00f3n de un perjuicio irremediable, esto es, hasta que se surta el proceso respectivo ante la jurisdicci\u00f3n de lo contencioso ...<br \/><div class=\"pt-cv-rmwrap\"><a href=\"https:\/\/www.dmsjuridica.com\/buscador_20179478954\/corteconstitucionalcronologico202454587\/t-090-12\/\" class=\"_self pt-cv-readmore btn btn-success\" target=\"_self\">Ver Sentencia Completa...<\/a><\/div><\/div><\/div><\/div>\n<div class=\"col-md-12 col-sm-12 col-xs-12 pt-cv-content-item pt-cv-1-col\" ><div class='pt-cv-ifield'><a href=\"https:\/\/www.dmsjuridica.com\/buscador_20179478954\/corteconstitucionalcronologico202454587\/t-089-12\/\" class=\"_self pt-cv-href-thumbnail pt-cv-thumb-default\" target=\"_self\" ><\/a>\n<div class=\"pt-cv-taxoterm above_title\"><a href='https:\/\/www.dmsjuridica.com\/buscador_20179478954\/corteconstitucionalcronologico202454587\/category\/buscar-en-toda-la-corte\/2012\/tutelas-2012\/' title='Tutelas 2012' class='pt-cv-tax-tutelas-2012'>Tutelas 2012<\/a><\/div>\n<h4 class=\"pt-cv-title\"><a href=\"https:\/\/www.dmsjuridica.com\/buscador_20179478954\/corteconstitucionalcronologico202454587\/t-089-12\/\" class=\"_self\" target=\"_self\" >T-089-12<\/a><\/h4>\n<div class=\"pt-cv-content\">\u00a0 \u00a0 Sentencia T-089\/12 \u00a0 DERECHO FUNDAMENTAL AL AGUA POTABLE-Reiteraci\u00f3n de jurisprudencia \u00a0 ACCION DE TUTELA PARA SOLICITAR PROTECCION DEL DERECHO AL AGUA-Procedencia excepcional\u00a0 \u00a0 DERECHO FUNDAMENTAL AL AGUA POTABLE-Casos en que suspensi\u00f3n del servicio por incumplimiento consecutivo en el pago es inconstitucional \u00a0 Este Alto Tribunal en su jurisprudencia ha indicado, que no en todos los casos de incumplimiento en el pago de las obligaciones facturadas por parte de los usuarios es v\u00e1lido suspender los servicios p\u00fablicos domiciliarios, pues si se advierte que (i) el incumplimiento es involuntario u obedece a una fuerza insuperable; si, adem\u00e1s, (ii) el domicilio ...<br \/><div class=\"pt-cv-rmwrap\"><a href=\"https:\/\/www.dmsjuridica.com\/buscador_20179478954\/corteconstitucionalcronologico202454587\/t-089-12\/\" class=\"_self pt-cv-readmore btn btn-success\" target=\"_self\">Ver Sentencia Completa...<\/a><\/div><\/div><\/div><\/div>\n<div class=\"col-md-12 col-sm-12 col-xs-12 pt-cv-content-item pt-cv-1-col\" ><div class='pt-cv-ifield'><a href=\"https:\/\/www.dmsjuridica.com\/buscador_20179478954\/corteconstitucionalcronologico202454587\/t-088-12\/\" class=\"_self pt-cv-href-thumbnail pt-cv-thumb-default\" target=\"_self\" ><\/a>\n<div class=\"pt-cv-taxoterm above_title\"><a href='https:\/\/www.dmsjuridica.com\/buscador_20179478954\/corteconstitucionalcronologico202454587\/category\/buscar-en-toda-la-corte\/2012\/tutelas-2012\/' title='Tutelas 2012' class='pt-cv-tax-tutelas-2012'>Tutelas 2012<\/a><\/div>\n<h4 class=\"pt-cv-title\"><a href=\"https:\/\/www.dmsjuridica.com\/buscador_20179478954\/corteconstitucionalcronologico202454587\/t-088-12\/\" class=\"_self\" target=\"_self\" >T-088-12<\/a><\/h4>\n<div class=\"pt-cv-content\">\u00a0 \u00a0 Sentencia T-088\/12 \u00a0 ACCION DE TUTELA CONTRA PARTICULARES-Procedencia \u00a0 ACCION DE TUTELA PARA OBTENER REINTEGRO LABORAL Y SUS EXCEPCIONES-Improcedencia general\u00a0 \u00a0 PROTECCION LABORAL REFORZADA DEL TRABAJADOR EN PERIODO DE INCAPACIDAD LABORAL \u00a0 INCAPACIDAD LABORAL SUPERIOR A 180 DIAS-Facultad limitada para el despido del trabajador \u00a0 Referencia: expedientes T-3183529, T-3192319, T-3195321 y T-3211857, acumulados. \u00a0 \u00a0 \u00a0 \u00a0 \u00a0 \u00a0 Acciones de tutela instauradas por Aicardo de Jes\u00fas Saldarriaga Molina contra Molduras Mad\u00e9xitos S. A. S. y otros (expediente T-3183529); Carlos Gustavo Vargas Arias contra Tracker de Colombia S. A. y otros (expediente T-3192319); Augusto De La Cruz Jim\u00e9nez ...<br \/><div class=\"pt-cv-rmwrap\"><a href=\"https:\/\/www.dmsjuridica.com\/buscador_20179478954\/corteconstitucionalcronologico202454587\/t-088-12\/\" class=\"_self pt-cv-readmore btn btn-success\" target=\"_self\">Ver Sentencia Completa...<\/a><\/div><\/div><\/div><\/div>\n<div class=\"col-md-12 col-sm-12 col-xs-12 pt-cv-content-item pt-cv-1-col\" ><div class='pt-cv-ifield'><a href=\"https:\/\/www.dmsjuridica.com\/buscador_20179478954\/corteconstitucionalcronologico202454587\/t-087-12\/\" class=\"_self pt-cv-href-thumbnail pt-cv-thumb-default\" target=\"_self\" ><\/a>\n<div class=\"pt-cv-taxoterm above_title\"><a href='https:\/\/www.dmsjuridica.com\/buscador_20179478954\/corteconstitucionalcronologico202454587\/category\/buscar-en-toda-la-corte\/2012\/tutelas-2012\/' title='Tutelas 2012' class='pt-cv-tax-tutelas-2012'>Tutelas 2012<\/a><\/div>\n<h4 class=\"pt-cv-title\"><a href=\"https:\/\/www.dmsjuridica.com\/buscador_20179478954\/corteconstitucionalcronologico202454587\/t-087-12\/\" class=\"_self\" target=\"_self\" >T-087-12<\/a><\/h4>\n<div class=\"pt-cv-content\">\u00a0 \u00a0 Sentencia T-087\/12 \u00a0 CARACTER VINCULANTE DE LAS RECOMENDACIONES DEL COMITE DE LIBERTAD SINDICAL DE LA OIT APROBADAS POR EL CONSEJO DE ADMINISTRACION\u00a0 \u00a0 ACCION DE TUTELA-Improcedencia para resolver derechos litigiosos \u00a0 TRABAJADORES QUE PARTICIPARON EN HUELGA EN ECOPETROL \u00a0 REQUISITO DE INMEDIATEZ PARA EL PAGO DE ACREENCIAS LABORALES-Reiteraci\u00f3n de jurisprudencia \u00a0 COMPETENCIA TERRRITORIAL EN ACCIONES DE TUTELA-Entidades que tienen m\u00faltiples sedes en el territorio nacional \u00a0 Un juez que advierta su incompetencia territorial, bien porque la vulneraci\u00f3n o amenaza de derechos fundamentales no ocurri\u00f3 dentro de su jurisdicci\u00f3n, o bien porque los efectos de la misma no se ...<br \/><div class=\"pt-cv-rmwrap\"><a href=\"https:\/\/www.dmsjuridica.com\/buscador_20179478954\/corteconstitucionalcronologico202454587\/t-087-12\/\" class=\"_self pt-cv-readmore btn btn-success\" target=\"_self\">Ver Sentencia Completa...<\/a><\/div><\/div><\/div><\/div>\n<div class=\"col-md-12 col-sm-12 col-xs-12 pt-cv-content-item pt-cv-1-col\" ><div class='pt-cv-ifield'><a href=\"https:\/\/www.dmsjuridica.com\/buscador_20179478954\/corteconstitucionalcronologico202454587\/t-086-12\/\" class=\"_self pt-cv-href-thumbnail pt-cv-thumb-default\" target=\"_self\" ><\/a>\n<div class=\"pt-cv-taxoterm above_title\"><a href='https:\/\/www.dmsjuridica.com\/buscador_20179478954\/corteconstitucionalcronologico202454587\/category\/buscar-en-toda-la-corte\/2012\/tutelas-2012\/' title='Tutelas 2012' class='pt-cv-tax-tutelas-2012'>Tutelas 2012<\/a><\/div>\n<h4 class=\"pt-cv-title\"><a href=\"https:\/\/www.dmsjuridica.com\/buscador_20179478954\/corteconstitucionalcronologico202454587\/t-086-12\/\" class=\"_self\" target=\"_self\" >T-086-12<\/a><\/h4>\n<div class=\"pt-cv-content\">\u00a0 \u00a0 Sentencia T-086\/12 \u00a0 ACCION DE TUTELA PARA DESATAR CONTROVERSIAS CONTRACTUALES DE CARACTER COMERCIAL-improcedencia\u00a0 \u00a0 En cuanto, a la procedencia de la acci\u00f3n de tutela para desatar controversias de tipo contractual, esta Corporaci\u00f3n se ha pronunciado en numerosas oportunidades en torno a la improcedencia de la acci\u00f3n de tutela para debatir asuntos de naturaleza contractual, considerando que, el amparo por v\u00eda de tutela es excepcional, por tratarse de controversias que se derivan de acuerdos privados celebrados por las partes, que en principio, deber\u00edan ser resueltos mediante acciones ordinarias de car\u00e1cter civil, comercial o contencioso dependiendo del caso particular. \u00a0Se ...<br \/><div class=\"pt-cv-rmwrap\"><a href=\"https:\/\/www.dmsjuridica.com\/buscador_20179478954\/corteconstitucionalcronologico202454587\/t-086-12\/\" class=\"_self pt-cv-readmore btn btn-success\" target=\"_self\">Ver Sentencia Completa...<\/a><\/div><\/div><\/div><\/div>\n<div class=\"col-md-12 col-sm-12 col-xs-12 pt-cv-content-item pt-cv-1-col\" ><div class='pt-cv-ifield'><a href=\"https:\/\/www.dmsjuridica.com\/buscador_20179478954\/corteconstitucionalcronologico202454587\/t-085-12\/\" class=\"_self pt-cv-href-thumbnail pt-cv-thumb-default\" target=\"_self\" ><\/a>\n<div class=\"pt-cv-taxoterm above_title\"><a href='https:\/\/www.dmsjuridica.com\/buscador_20179478954\/corteconstitucionalcronologico202454587\/category\/buscar-en-toda-la-corte\/2012\/tutelas-2012\/' title='Tutelas 2012' class='pt-cv-tax-tutelas-2012'>Tutelas 2012<\/a><\/div>\n<h4 class=\"pt-cv-title\"><a href=\"https:\/\/www.dmsjuridica.com\/buscador_20179478954\/corteconstitucionalcronologico202454587\/t-085-12\/\" class=\"_self\" target=\"_self\" >T-085-12<\/a><\/h4>\n<div class=\"pt-cv-content\">\u00a0 \u00a0 Sentencia T-085\/12 \u00a0 JURISPRUDENCIA CONSTITUCIONAL SOBRE LAS CONDICIONES NECESARIAS PARA PROTEGER EL DERECHO A LA SEGURIDAD SOCIAL POR MEDIO DE LA ACCION DE TUTELA \u00a0 JURISPRUDENCIA EN RELACION CON PROCEDENCIA DE LA ACCION DE TUTELA COMO MECANISMO PARA SOLICITAR RECONOCIMIENTO DE PRESTACIONES SOCIALES EN CASOS DE PERJUICIO IRREMEDIABLE \u00a0 PRINCIPIO PRO HOMINE Y PRINCIPIO DE FAVORABILIDAD EN RECONOCIMIENTO DE PENSION DE SOBREVIVIENTES \u00a0 Aprecia la Sala que la posible afectaci\u00f3n de los derechos al m\u00ednimo vital, a la salud y a la vida amenaza con causar perjuicios que resulten irremediables, en cuanto significar\u00edan da\u00f1os graves, irreparables, los que ...<br \/><div class=\"pt-cv-rmwrap\"><a href=\"https:\/\/www.dmsjuridica.com\/buscador_20179478954\/corteconstitucionalcronologico202454587\/t-085-12\/\" class=\"_self pt-cv-readmore btn btn-success\" target=\"_self\">Ver Sentencia Completa...<\/a><\/div><\/div><\/div><\/div>\n<div class=\"col-md-12 col-sm-12 col-xs-12 pt-cv-content-item pt-cv-1-col\" ><div class='pt-cv-ifield'><a href=\"https:\/\/www.dmsjuridica.com\/buscador_20179478954\/corteconstitucionalcronologico202454587\/t-084-12\/\" class=\"_self pt-cv-href-thumbnail pt-cv-thumb-default\" target=\"_self\" ><\/a>\n<div class=\"pt-cv-taxoterm above_title\"><a href='https:\/\/www.dmsjuridica.com\/buscador_20179478954\/corteconstitucionalcronologico202454587\/category\/buscar-en-toda-la-corte\/2012\/tutelas-2012\/' title='Tutelas 2012' class='pt-cv-tax-tutelas-2012'>Tutelas 2012<\/a><\/div>\n<h4 class=\"pt-cv-title\"><a href=\"https:\/\/www.dmsjuridica.com\/buscador_20179478954\/corteconstitucionalcronologico202454587\/t-084-12\/\" class=\"_self\" target=\"_self\" >T-084-12<\/a><\/h4>\n<div class=\"pt-cv-content\">\u00a0 \u00a0 Sentencia T-084\/12 \u00a0 La jurisprudencia constitucional, en desarrollo del anterior art\u00edculo, ha determinado que para que se configure la temeridad y se puedan aplicar las consecuencias antes descritas \u2013rechazo o decisi\u00f3n desfavorable y sanciones- se deber\u00e1 verificar, en primer lugar, si existe una identidad de partes, hechos y pretensiones entre las acciones de tutela interpuestas \u2013lo que coincide con el fen\u00f3meno de la cosa juzgada en el caso de que alguna haya sido decidida previamente- y, en segundo lugar, si existe o no justificaci\u00f3n razonable y objetiva que explique la ocurrencia de ese fen\u00f3meno y descarte, en consecuencia, ...<br \/><div class=\"pt-cv-rmwrap\"><a href=\"https:\/\/www.dmsjuridica.com\/buscador_20179478954\/corteconstitucionalcronologico202454587\/t-084-12\/\" class=\"_self pt-cv-readmore btn btn-success\" target=\"_self\">Ver Sentencia Completa...<\/a><\/div><\/div><\/div><\/div>\n<div class=\"col-md-12 col-sm-12 col-xs-12 pt-cv-content-item pt-cv-1-col\" ><div class='pt-cv-ifield'><a href=\"https:\/\/www.dmsjuridica.com\/buscador_20179478954\/corteconstitucionalcronologico202454587\/t-083-12\/\" class=\"_self pt-cv-href-thumbnail pt-cv-thumb-default\" target=\"_self\" ><\/a>\n<div class=\"pt-cv-taxoterm above_title\"><a href='https:\/\/www.dmsjuridica.com\/buscador_20179478954\/corteconstitucionalcronologico202454587\/category\/buscar-en-toda-la-corte\/2012\/tutelas-2012\/' title='Tutelas 2012' class='pt-cv-tax-tutelas-2012'>Tutelas 2012<\/a><\/div>\n<h4 class=\"pt-cv-title\"><a href=\"https:\/\/www.dmsjuridica.com\/buscador_20179478954\/corteconstitucionalcronologico202454587\/t-083-12\/\" class=\"_self\" target=\"_self\" >T-083-12<\/a><\/h4>\n<div class=\"pt-cv-content\">\u00a0 \u00a0 Sentencia T-083\/12 \u00a0 DERECHO FUNDAMENTAL A LA SALUD-Reiteraci\u00f3n de jurisprudencia\/PROTECCION CONSTITUCIONAL DE PERSONAS CON LIMITACIONES FISICAS Y SENSORIALES \u00a0 CARENCIA ACTUAL DE OBJETO POR HECHO SUPERADO-Servicios m\u00e9dicos ya se est\u00e1n suministrando \u00a0 Referencia: expediente T-3.218.399 \u00a0 Acci\u00f3n de tutela instaurada por Maela Cecilia Ibarra Miranda, en representaci\u00f3n de Lizander Reinaldo Ibarra Miranda contra CAJACOPI \u00a0EPS S.\u00a0 \u00a0 Magistrado Ponente: \u00a0 HUMBERTO ANTONIO SIERRA PORTO \u00a0 Bogot\u00e1 D.C., diecis\u00e9is (16) de febrero de dos mil doce (2012) \u00a0 La Sala Octava de Revisi\u00f3n de la Corte Constitucional integrada por los Magistrados Luis Ernesto Vargas Silva, Mar\u00eda Victoria Calle Correa ...<br \/><div class=\"pt-cv-rmwrap\"><a href=\"https:\/\/www.dmsjuridica.com\/buscador_20179478954\/corteconstitucionalcronologico202454587\/t-083-12\/\" class=\"_self pt-cv-readmore btn btn-success\" target=\"_self\">Ver Sentencia Completa...<\/a><\/div><\/div><\/div><\/div>\n<div class=\"col-md-12 col-sm-12 col-xs-12 pt-cv-content-item pt-cv-1-col\" ><div class='pt-cv-ifield'><a href=\"https:\/\/www.dmsjuridica.com\/buscador_20179478954\/corteconstitucionalcronologico202454587\/t-082-12\/\" class=\"_self pt-cv-href-thumbnail pt-cv-thumb-default\" target=\"_self\" ><\/a>\n<div class=\"pt-cv-taxoterm above_title\"><a href='https:\/\/www.dmsjuridica.com\/buscador_20179478954\/corteconstitucionalcronologico202454587\/category\/buscar-en-toda-la-corte\/2012\/tutelas-2012\/' title='Tutelas 2012' class='pt-cv-tax-tutelas-2012'>Tutelas 2012<\/a><\/div>\n<h4 class=\"pt-cv-title\"><a href=\"https:\/\/www.dmsjuridica.com\/buscador_20179478954\/corteconstitucionalcronologico202454587\/t-082-12\/\" class=\"_self\" target=\"_self\" >T-082-12<\/a><\/h4>\n<div class=\"pt-cv-content\">\u00a0 \u00a0 Sentencia T-082\/12 \u00a0 DERECHO A LA ESTABILIDAD LABORAL REFORZADA DE MUJER EMBARAZADA \u00a0 FUERO DE MATERNIDAD DERIVADO DE LA ESPECIAL PROTECCION CONSTITUCIONAL A LAS MUJERES DURANTE EL EMBARAZO Y LA LACTANCIA-Reiteraci\u00f3n de jurisprudencia\u00a0 \u00a0 MEDIDAS DE PROTECCION POR EL FUERO DE MATERNIDAD Y LA INDEMNIZACION DEL ARTICULO 239 DEL CODIGO SUSTANTIVO DEL TRABAJO \u00a0 FUERO DE MATERNIDAD Y ALCANCE DE LAS MEDIDAS DE PROTECCION-Cuando las causas para la terminaci\u00f3n de la relaci\u00f3n laboral fueron objetivas, generales y leg\u00edtimas \u00a0 El juez constitucional deber\u00e1 decidir, en cada caso que examina, cu\u00e1l es el alcance de las medidas de protecci\u00f3n ...<br \/><div class=\"pt-cv-rmwrap\"><a href=\"https:\/\/www.dmsjuridica.com\/buscador_20179478954\/corteconstitucionalcronologico202454587\/t-082-12\/\" class=\"_self pt-cv-readmore btn btn-success\" target=\"_self\">Ver Sentencia Completa...<\/a><\/div><\/div><\/div><\/div>\n<div class=\"col-md-12 col-sm-12 col-xs-12 pt-cv-content-item pt-cv-1-col\" ><div class='pt-cv-ifield'><a href=\"https:\/\/www.dmsjuridica.com\/buscador_20179478954\/corteconstitucionalcronologico202454587\/t-081-12\/\" class=\"_self pt-cv-href-thumbnail pt-cv-thumb-default\" target=\"_self\" ><\/a>\n<div class=\"pt-cv-taxoterm above_title\"><a href='https:\/\/www.dmsjuridica.com\/buscador_20179478954\/corteconstitucionalcronologico202454587\/category\/buscar-en-toda-la-corte\/2012\/tutelas-2012\/' title='Tutelas 2012' class='pt-cv-tax-tutelas-2012'>Tutelas 2012<\/a><\/div>\n<h4 class=\"pt-cv-title\"><a href=\"https:\/\/www.dmsjuridica.com\/buscador_20179478954\/corteconstitucionalcronologico202454587\/t-081-12\/\" class=\"_self\" target=\"_self\" >T-081-12<\/a><\/h4>\n<div class=\"pt-cv-content\">\u00a0 \u00a0 Sentencia T-081\/12 \u00a0 DERECHO FUNDAMENTAL A LA SALUD-Caso en que la demandante fue desafiliada s\u00fabitamente del r\u00e9gimen subsidiado de salud \u00a0 Encuentra esta Sala que la actitud adoptada por el municipio es a todas luces reprochable, puesto que esa misma entidad al haberle permitido a la accionante recibir los beneficios plenos del r\u00e9gimen subsidiado de salud desde 2007 pese a estar clasificada en el nivel III del Sisben, gener\u00f3 en ella la confianza leg\u00edtima de estar cobijada por dicho sistema, confianza que desquebraj\u00f3 al desafiliarla del r\u00e9gimen subsidiado, arguyendo que obedeci\u00f3 a una depuraci\u00f3n de la base de ...<br \/><div class=\"pt-cv-rmwrap\"><a href=\"https:\/\/www.dmsjuridica.com\/buscador_20179478954\/corteconstitucionalcronologico202454587\/t-081-12\/\" class=\"_self pt-cv-readmore btn btn-success\" target=\"_self\">Ver Sentencia Completa...<\/a><\/div><\/div><\/div><\/div>\n<div class=\"col-md-12 col-sm-12 col-xs-12 pt-cv-content-item pt-cv-1-col\" ><div class='pt-cv-ifield'><a href=\"https:\/\/www.dmsjuridica.com\/buscador_20179478954\/corteconstitucionalcronologico202454587\/t-080-12\/\" class=\"_self pt-cv-href-thumbnail pt-cv-thumb-default\" target=\"_self\" ><\/a>\n<div class=\"pt-cv-taxoterm above_title\"><a href='https:\/\/www.dmsjuridica.com\/buscador_20179478954\/corteconstitucionalcronologico202454587\/category\/buscar-en-toda-la-corte\/2012\/tutelas-2012\/' title='Tutelas 2012' class='pt-cv-tax-tutelas-2012'>Tutelas 2012<\/a><\/div>\n<h4 class=\"pt-cv-title\"><a href=\"https:\/\/www.dmsjuridica.com\/buscador_20179478954\/corteconstitucionalcronologico202454587\/t-080-12\/\" class=\"_self\" target=\"_self\" >T-080-12<\/a><\/h4>\n<div class=\"pt-cv-content\">\u00a0 \u00a0 {p} \u00a0 Sentencia T-080\/12 \u00a0 ACCION DE TUTELA PARA RECLAMAR BENEFICIOS ASISTENCIALES-Caso de un grupo de personas, a quienes se les reconoci\u00f3 mediante pacto colectivo, prestaciones en materia de seguridad social, pero no obstante que sobrevino la liquidaci\u00f3n de la entidad perdieron estos beneficios \u00a0\u00a0 \u00a0 PRINCIPIO DE SUBSIDIARIEDAD COMO REQUISITO DE PROCEDIBILIDAD DE LA ACCION DE TUTELA-Reiteraci\u00f3n de jurisprudencia \u00a0 El requisito de subsidiariedad, como exigencia para la procedencia de la acci\u00f3n, se deriva del inciso tercero del art\u00edculo 86, en consonancia con el numeral primero del art\u00edculo 6 del Decreto 2591 de 1991, seg\u00fan los cuales, ...<br \/><div class=\"pt-cv-rmwrap\"><a href=\"https:\/\/www.dmsjuridica.com\/buscador_20179478954\/corteconstitucionalcronologico202454587\/t-080-12\/\" class=\"_self pt-cv-readmore btn btn-success\" target=\"_self\">Ver Sentencia Completa...<\/a><\/div><\/div><\/div><\/div>\n<div class=\"col-md-12 col-sm-12 col-xs-12 pt-cv-content-item pt-cv-1-col\" ><div class='pt-cv-ifield'><a href=\"https:\/\/www.dmsjuridica.com\/buscador_20179478954\/corteconstitucionalcronologico202454587\/t-075-12\/\" class=\"_self pt-cv-href-thumbnail pt-cv-thumb-default\" target=\"_self\" ><\/a>\n<div class=\"pt-cv-taxoterm above_title\"><a href='https:\/\/www.dmsjuridica.com\/buscador_20179478954\/corteconstitucionalcronologico202454587\/category\/buscar-en-toda-la-corte\/2012\/tutelas-2012\/' title='Tutelas 2012' class='pt-cv-tax-tutelas-2012'>Tutelas 2012<\/a><\/div>\n<h4 class=\"pt-cv-title\"><a href=\"https:\/\/www.dmsjuridica.com\/buscador_20179478954\/corteconstitucionalcronologico202454587\/t-075-12\/\" class=\"_self\" target=\"_self\" >T-075-12<\/a><\/h4>\n<div class=\"pt-cv-content\">\u00a0 \u00a0 Sentencia T-075\/12 \u00a0 DERECHO A LA VIVIENDA DIGNA-Naturaleza jur\u00eddica, alcance y contenido\u00a0 \u00a0 PROCEDIMIENTO DE DESALOJO FORZOSO FRENTE A OCUPACION DE BIENES DE USO PUBLICO \u00a0 RESTITUCION DE BIENES DE USO PUBLICO Y PRINCIPIO DE CONFIANZA LEGITIMA \u00a0 PROTECCION DEL DERECHO A LA VIVIENDA DIGNA EN RELACION CON LOS PROCEDIMIENTOS DE DESALOJO FORZOSO DE ASENTAMIENTOS HUMANOS-Fundamentos jurisprudenciales \u00a0 De la jurisprudencia descrita previamente y de las observaciones se\u00f1aladas, la Sala llega a varias conclusiones. La primera de ellas se deriva de la necesidad ingente de adoptar pol\u00edticas sociales en materia de vivienda digna para poblaci\u00f3n ubicada en bines ...<br \/><div class=\"pt-cv-rmwrap\"><a href=\"https:\/\/www.dmsjuridica.com\/buscador_20179478954\/corteconstitucionalcronologico202454587\/t-075-12\/\" class=\"_self pt-cv-readmore btn btn-success\" target=\"_self\">Ver Sentencia Completa...<\/a><\/div><\/div><\/div><\/div>\n<div class=\"col-md-12 col-sm-12 col-xs-12 pt-cv-content-item pt-cv-1-col\" ><div class='pt-cv-ifield'><a href=\"https:\/\/www.dmsjuridica.com\/buscador_20179478954\/corteconstitucionalcronologico202454587\/t-074-12\/\" class=\"_self pt-cv-href-thumbnail pt-cv-thumb-default\" target=\"_self\" ><\/a>\n<div class=\"pt-cv-taxoterm above_title\"><a href='https:\/\/www.dmsjuridica.com\/buscador_20179478954\/corteconstitucionalcronologico202454587\/category\/buscar-en-toda-la-corte\/2012\/tutelas-2012\/' title='Tutelas 2012' class='pt-cv-tax-tutelas-2012'>Tutelas 2012<\/a><\/div>\n<h4 class=\"pt-cv-title\"><a href=\"https:\/\/www.dmsjuridica.com\/buscador_20179478954\/corteconstitucionalcronologico202454587\/t-074-12\/\" class=\"_self\" target=\"_self\" >T-074-12<\/a><\/h4>\n<div class=\"pt-cv-content\">\u00a0 \u00a0 Sentencia T-074\/12 \u00a0 ACCION DE TUTELA CONTRA PROVIDENCIAS JUDICIALES-Reiteraci\u00f3n de jurisprudencia \u00a0 INCIDENTE DE DESACATO-Naturaleza y objetivo \u00a0 La jurisprudencia de la Corte Constitucional ha indicado que al momento de evaluar si existi\u00f3 o no desacato, no pueden dejarse de lado el examen de situaciones especiales que pueden constituir causales exonerativas de responsabilidad dependiendo de cada caso concreto, es decir, debe tenerse en cuenta si ocurrieron circunstancia de fuerza mayor, caso fortuito o imposibilidad absoluta jur\u00eddica o f\u00e1ctica para cumplir, las cuales siempre deben ser estudiadas a la luz del principio de la buena fe del demandado. Dentro ...<br \/><div class=\"pt-cv-rmwrap\"><a href=\"https:\/\/www.dmsjuridica.com\/buscador_20179478954\/corteconstitucionalcronologico202454587\/t-074-12\/\" class=\"_self pt-cv-readmore btn btn-success\" target=\"_self\">Ver Sentencia Completa...<\/a><\/div><\/div><\/div><\/div>\n<div class=\"col-md-12 col-sm-12 col-xs-12 pt-cv-content-item pt-cv-1-col\" ><div class='pt-cv-ifield'><a href=\"https:\/\/www.dmsjuridica.com\/buscador_20179478954\/corteconstitucionalcronologico202454587\/t-073-12\/\" class=\"_self pt-cv-href-thumbnail pt-cv-thumb-default\" target=\"_self\" ><\/a>\n<div class=\"pt-cv-taxoterm above_title\"><a href='https:\/\/www.dmsjuridica.com\/buscador_20179478954\/corteconstitucionalcronologico202454587\/category\/buscar-en-toda-la-corte\/2012\/tutelas-2012\/' title='Tutelas 2012' class='pt-cv-tax-tutelas-2012'>Tutelas 2012<\/a><\/div>\n<h4 class=\"pt-cv-title\"><a href=\"https:\/\/www.dmsjuridica.com\/buscador_20179478954\/corteconstitucionalcronologico202454587\/t-073-12\/\" class=\"_self\" target=\"_self\" >T-073-12<\/a><\/h4>\n<div class=\"pt-cv-content\">\u00a0 \u00a0 Sentencia T-073\/12 \u00a0 SERVICIO DE TRANSPORTE SE ENCUENTRA INCLUIDO DENTRO DEL POS-Eventos en que debe ser asumido por la EPS\/INCAPACIDAD ECONOMICA-Directrices probatorias \u00a0 El servicio de transporte se encuentra dentro del POS y en consecuencia debe ser asumido por la EPS en aquellos eventos en los que: Un paciente sea remitido en ambulancia por una IPS a otra, cuando la primera no cuente con el servicio requerido. Se necesite el traslado del paciente en ambulancia para recibir atenci\u00f3n domiciliaria bajo la responsabilidad de la EPS y seg\u00fan el criterio del m\u00e9dico tratante. Un paciente ambulatorio deba acceder a ...<br \/><div class=\"pt-cv-rmwrap\"><a href=\"https:\/\/www.dmsjuridica.com\/buscador_20179478954\/corteconstitucionalcronologico202454587\/t-073-12\/\" class=\"_self pt-cv-readmore btn btn-success\" target=\"_self\">Ver Sentencia Completa...<\/a><\/div><\/div><\/div><\/div>\n<div class=\"col-md-12 col-sm-12 col-xs-12 pt-cv-content-item pt-cv-1-col\" ><div class='pt-cv-ifield'><a href=\"https:\/\/www.dmsjuridica.com\/buscador_20179478954\/corteconstitucionalcronologico202454587\/t-072-12\/\" class=\"_self pt-cv-href-thumbnail pt-cv-thumb-default\" target=\"_self\" ><\/a>\n<div class=\"pt-cv-taxoterm above_title\"><a href='https:\/\/www.dmsjuridica.com\/buscador_20179478954\/corteconstitucionalcronologico202454587\/category\/buscar-en-toda-la-corte\/2012\/tutelas-2012\/' title='Tutelas 2012' class='pt-cv-tax-tutelas-2012'>Tutelas 2012<\/a><\/div>\n<h4 class=\"pt-cv-title\"><a href=\"https:\/\/www.dmsjuridica.com\/buscador_20179478954\/corteconstitucionalcronologico202454587\/t-072-12\/\" class=\"_self\" target=\"_self\" >T-072-12<\/a><\/h4>\n<div class=\"pt-cv-content\">\u00a0 \u00a0 Sentencia T-072\/12 \u00a0 DERECHO A LA PENSION DE SOBREVIVIENTES-Interpretaci\u00f3n del Consejo de Estado por aplicaci\u00f3n retrospectiva de la ley cuando el causante falleci\u00f3 antes de la entrada en vigencia de la Ley 100\/93 \u00a0 El Consejo de Estado ha admitido, de forma reiterada, la aplicaci\u00f3n retrospectiva de la ley en materia de pensiones. En efecto, en pronunciamiento del 29 de abril de 2010, decidi\u00f3 dar aplicaci\u00f3n retrospectiva de la ley en aras de garantizar el principio de favorabilidad y en desarrollo del de igualdad. Sobre el tema, explic\u00f3 que \u201cen materia laboral, una Ley nueva puede validamente regular ...<br \/><div class=\"pt-cv-rmwrap\"><a href=\"https:\/\/www.dmsjuridica.com\/buscador_20179478954\/corteconstitucionalcronologico202454587\/t-072-12\/\" class=\"_self pt-cv-readmore btn btn-success\" target=\"_self\">Ver Sentencia Completa...<\/a><\/div><\/div><\/div><\/div>\n<div class=\"col-md-12 col-sm-12 col-xs-12 pt-cv-content-item pt-cv-1-col\" ><div class='pt-cv-ifield'><a href=\"https:\/\/www.dmsjuridica.com\/buscador_20179478954\/corteconstitucionalcronologico202454587\/t-071-12\/\" class=\"_self pt-cv-href-thumbnail pt-cv-thumb-default\" target=\"_self\" ><\/a>\n<div class=\"pt-cv-taxoterm above_title\"><a href='https:\/\/www.dmsjuridica.com\/buscador_20179478954\/corteconstitucionalcronologico202454587\/category\/buscar-en-toda-la-corte\/2012\/tutelas-2012\/' title='Tutelas 2012' class='pt-cv-tax-tutelas-2012'>Tutelas 2012<\/a><\/div>\n<h4 class=\"pt-cv-title\"><a href=\"https:\/\/www.dmsjuridica.com\/buscador_20179478954\/corteconstitucionalcronologico202454587\/t-071-12\/\" class=\"_self\" target=\"_self\" >T-071-12<\/a><\/h4>\n<div class=\"pt-cv-content\">\u00a0 \u00a0 Sentencia T-071\/12 \u00a0 ACCION DE TUTELA CONTRA PROVIDENCIAS JUDICIALES-Procedencia excepcional \u00a0 ACCION DE TUTELA CONTRA PROVIDENCIAS JUDICIALES-Requisitos generales y especiales de procedibilidad \u00a0 IMPUGNACION DE LA PATERNIDAD-Caso en que la autoridad judicial vulnera derechos fundamentales al desconocer prueba gen\u00e9tica de ADN que demuestra que el demandante no es el padre biol\u00f3gico \u00a0 IMPUGNACION DE LA PATERNIDAD Y DERECHO A ACCEDER A LA JUSTICIA\/IMPUGNACION DE LA PATERNIDAD-Vulneraci\u00f3n de derechos fundamentales por interpretaci\u00f3n del juez que no tuvo en cuenta resultado de prueba de ADN contundente\/IMPUGNACION DE LA PATERNIDAD E INTERPRETACION INCONSTITUCIONAL DE LA LEY-Caso en que existe una prueba ...<br \/><div class=\"pt-cv-rmwrap\"><a href=\"https:\/\/www.dmsjuridica.com\/buscador_20179478954\/corteconstitucionalcronologico202454587\/t-071-12\/\" class=\"_self pt-cv-readmore btn btn-success\" target=\"_self\">Ver Sentencia Completa...<\/a><\/div><\/div><\/div><\/div>\n<div class=\"col-md-12 col-sm-12 col-xs-12 pt-cv-content-item pt-cv-1-col\" ><div class='pt-cv-ifield'><a href=\"https:\/\/www.dmsjuridica.com\/buscador_20179478954\/corteconstitucionalcronologico202454587\/t-070-12\/\" class=\"_self pt-cv-href-thumbnail pt-cv-thumb-default\" target=\"_self\" ><\/a>\n<div class=\"pt-cv-taxoterm above_title\"><a href='https:\/\/www.dmsjuridica.com\/buscador_20179478954\/corteconstitucionalcronologico202454587\/category\/buscar-en-toda-la-corte\/2012\/tutelas-2012\/' title='Tutelas 2012' class='pt-cv-tax-tutelas-2012'>Tutelas 2012<\/a><\/div>\n<h4 class=\"pt-cv-title\"><a href=\"https:\/\/www.dmsjuridica.com\/buscador_20179478954\/corteconstitucionalcronologico202454587\/t-070-12\/\" class=\"_self\" target=\"_self\" >T-070-12<\/a><\/h4>\n<div class=\"pt-cv-content\">\u00a0 \u00a0 \u00a0\u00a0 Sentencia T-070\/12 \u00a0 DERECHO A LA SALUD COMO DERECHO FUNDAMENTAL AUTONOMO-Reiteraci\u00f3n de jurisprudencia \u00a0 DERECHO A LA SALUD-Protecci\u00f3n constitucional \u00a0 REGLAS JURISPRUDENCIALES SOBRE PROCEDENCIA DE ACCION DE TUTELA PARA OBTENER PRESTACIONES EXCLUIDAS DEL POS-Reiteraci\u00f3n de jurisprudencia \u00a0 DERECHO A LA SALUD DEL MENOR-Suministro de vacunas por EPS \u00a0 Esta Corporaci\u00f3n ha indicado que se desconoce el derecho a la salud de los menores al negarse el suministro de las vacunas que requiere, cuando \u201cse cumplen los requisitos para acceder a un servicio m\u00e9dico o tratamiento no contemplado en el POS o POSS, o bien cuando se niegan ...<br \/><div class=\"pt-cv-rmwrap\"><a href=\"https:\/\/www.dmsjuridica.com\/buscador_20179478954\/corteconstitucionalcronologico202454587\/t-070-12\/\" class=\"_self pt-cv-readmore btn btn-success\" target=\"_self\">Ver Sentencia Completa...<\/a><\/div><\/div><\/div><\/div>\n<div class=\"col-md-12 col-sm-12 col-xs-12 pt-cv-content-item pt-cv-1-col\" ><div class='pt-cv-ifield'><a href=\"https:\/\/www.dmsjuridica.com\/buscador_20179478954\/corteconstitucionalcronologico202454587\/t-069-12\/\" class=\"_self pt-cv-href-thumbnail pt-cv-thumb-default\" target=\"_self\" ><\/a>\n<div class=\"pt-cv-taxoterm above_title\"><a href='https:\/\/www.dmsjuridica.com\/buscador_20179478954\/corteconstitucionalcronologico202454587\/category\/buscar-en-toda-la-corte\/2012\/tutelas-2012\/' title='Tutelas 2012' class='pt-cv-tax-tutelas-2012'>Tutelas 2012<\/a><\/div>\n<h4 class=\"pt-cv-title\"><a href=\"https:\/\/www.dmsjuridica.com\/buscador_20179478954\/corteconstitucionalcronologico202454587\/t-069-12\/\" class=\"_self\" target=\"_self\" >T-069-12<\/a><\/h4>\n<div class=\"pt-cv-content\">\u00a0 \u00a0 Sentencia T-069\/12 \u00a0 ACCION DE TUTELA PARA LA PROTECCION DE LOS DERECHOS FUNDAMENTALES DE LA POBLACION DESPLAZADA-Reiteraci\u00f3n de jurisprudencia \u00a0 Esta Corporaci\u00f3n, en m\u00faltiples pronunciamientos sobre la materia, ha explicado que la acci\u00f3n de tutela se configura como el mecanismo judicial apropiado para solicitar el amparo de los derechos fundamentales de la poblaci\u00f3n desplazada. Ello, por el hecho de predicarse la titularidad de una especial protecci\u00f3n constitucional ante las circunstancias particulares de vulnerabilidad, indefensi\u00f3n y debilidad manifiesta en la que se encuentran por ser v\u00edctimas del desplazamiento forzado \u00a0 CEDULA DE CIUDADANIA-Importancia y funciones \u00a0 \u00a0 \u00a0 De ...<br \/><div class=\"pt-cv-rmwrap\"><a href=\"https:\/\/www.dmsjuridica.com\/buscador_20179478954\/corteconstitucionalcronologico202454587\/t-069-12\/\" class=\"_self pt-cv-readmore btn btn-success\" target=\"_self\">Ver Sentencia Completa...<\/a><\/div><\/div><\/div><\/div>\n<div class=\"col-md-12 col-sm-12 col-xs-12 pt-cv-content-item pt-cv-1-col\" ><div class='pt-cv-ifield'><a href=\"https:\/\/www.dmsjuridica.com\/buscador_20179478954\/corteconstitucionalcronologico202454587\/t-068-12\/\" class=\"_self pt-cv-href-thumbnail pt-cv-thumb-default\" target=\"_self\" ><\/a>\n<div class=\"pt-cv-taxoterm above_title\"><a href='https:\/\/www.dmsjuridica.com\/buscador_20179478954\/corteconstitucionalcronologico202454587\/category\/buscar-en-toda-la-corte\/2012\/tutelas-2012\/' title='Tutelas 2012' class='pt-cv-tax-tutelas-2012'>Tutelas 2012<\/a><\/div>\n<h4 class=\"pt-cv-title\"><a href=\"https:\/\/www.dmsjuridica.com\/buscador_20179478954\/corteconstitucionalcronologico202454587\/t-068-12\/\" class=\"_self\" target=\"_self\" >T-068-12<\/a><\/h4>\n<div class=\"pt-cv-content\">\u00a0 \u00a0 NOTA DE RELATORIA: Mediante auto de fecha 3 de octubre de 2019, suscrito por la Magistrada Cristina Pardo Schlesinger, se accedi\u00f3 a la solicitud de reserva de nombre formulada por la accionante y, en consecuencia, se orden\u00f3 reemplazar la presente providencia por aquella que resulte de cambiar el nombre de la peticionaria por las letras AB. \u00a0 Sentencia T-068\/12 \u00a0 DERECHO FUNDAMENTAL A LA EDUCACION-Reiteraci\u00f3n de jurisprudencia \u00a0 La normativa interna y la jurisprudencia constitucional, en completa armon\u00eda con las normas internacionales sobre derechos humanos, le han otorgado a la educaci\u00f3n el car\u00e1cter de derecho fundamental de aplicaci\u00f3n ...<br \/><div class=\"pt-cv-rmwrap\"><a href=\"https:\/\/www.dmsjuridica.com\/buscador_20179478954\/corteconstitucionalcronologico202454587\/t-068-12\/\" class=\"_self pt-cv-readmore btn btn-success\" target=\"_self\">Ver Sentencia Completa...<\/a><\/div><\/div><\/div><\/div>\n<div class=\"col-md-12 col-sm-12 col-xs-12 pt-cv-content-item pt-cv-1-col\" ><div class='pt-cv-ifield'><a href=\"https:\/\/www.dmsjuridica.com\/buscador_20179478954\/corteconstitucionalcronologico202454587\/t-067-12\/\" class=\"_self pt-cv-href-thumbnail pt-cv-thumb-default\" target=\"_self\" ><\/a>\n<div class=\"pt-cv-taxoterm above_title\"><a href='https:\/\/www.dmsjuridica.com\/buscador_20179478954\/corteconstitucionalcronologico202454587\/category\/buscar-en-toda-la-corte\/2012\/tutelas-2012\/' title='Tutelas 2012' class='pt-cv-tax-tutelas-2012'>Tutelas 2012<\/a><\/div>\n<h4 class=\"pt-cv-title\"><a href=\"https:\/\/www.dmsjuridica.com\/buscador_20179478954\/corteconstitucionalcronologico202454587\/t-067-12\/\" class=\"_self\" target=\"_self\" >T-067-12<\/a><\/h4>\n<div class=\"pt-cv-content\">EVOLUCION JURISPRUDENCIAL EN DERECHO A LA SALUD COMO FUNDAMENTAL DE MANERA AUTONOMA-Sentencia T-760\/08 \u00a0 En la Sentencia T-760 de 2008, la jurisprudencia de esta Corporaci\u00f3n determin\u00f3 la fundamentalidad del derecho a la salud en lo que respecta a un \u00e1mbito b\u00e1sico, el cual coincide con los servicios contemplados por la Constituci\u00f3n, el bloque de constitucionalidad, la ley y los planes obligatorios de salud, con las extensiones necesarias para proteger una vida digna. En este contexto, estos derechos son fundamentales y susceptibles de tutela, declaraci\u00f3n que debe ser entendida con recurso al art\u00edculo 86 de la Constituci\u00f3n Pol\u00edtica que prev\u00e9 a ...<br \/><div class=\"pt-cv-rmwrap\"><a href=\"https:\/\/www.dmsjuridica.com\/buscador_20179478954\/corteconstitucionalcronologico202454587\/t-067-12\/\" class=\"_self pt-cv-readmore btn btn-success\" target=\"_self\">Ver Sentencia Completa...<\/a><\/div><\/div><\/div><\/div>\n<div class=\"col-md-12 col-sm-12 col-xs-12 pt-cv-content-item pt-cv-1-col\" ><div class='pt-cv-ifield'><a href=\"https:\/\/www.dmsjuridica.com\/buscador_20179478954\/corteconstitucionalcronologico202454587\/t-066-12\/\" class=\"_self pt-cv-href-thumbnail pt-cv-thumb-default\" target=\"_self\" ><\/a>\n<div class=\"pt-cv-taxoterm above_title\"><a href='https:\/\/www.dmsjuridica.com\/buscador_20179478954\/corteconstitucionalcronologico202454587\/category\/buscar-en-toda-la-corte\/2012\/tutelas-2012\/' title='Tutelas 2012' class='pt-cv-tax-tutelas-2012'>Tutelas 2012<\/a><\/div>\n<h4 class=\"pt-cv-title\"><a href=\"https:\/\/www.dmsjuridica.com\/buscador_20179478954\/corteconstitucionalcronologico202454587\/t-066-12\/\" class=\"_self\" target=\"_self\" >T-066-12<\/a><\/h4>\n<div class=\"pt-cv-content\">\u00a0 \u00a0 Sentencia T-066\/12 \u00a0 DERECHO A LA SALUD COMO DERECHO FUNDAMENTAL AUTONOMO-Evoluci\u00f3n jurisprudencial \u00a0 En un principio el derecho a la salud no ten\u00eda el car\u00e1cter de fundamental, puesto que era considerado esencialmente como un derecho prestacional; mas, sin embargo, pod\u00eda ser protegido por v\u00eda de tutela cuando su vulneraci\u00f3n implicaba la afectaci\u00f3n de otros derechos de car\u00e1cter fundamental, como el derecho a la vida, la dignidad humana o la integridad personal. Despu\u00e9s de varios an\u00e1lisis, la jurisprudencia de esta Corporaci\u00f3n determin\u00f3 \u201cla fundamentalidad del derecho a la salud en lo que respecta a un \u00e1mbito b\u00e1sico, el cual ...<br \/><div class=\"pt-cv-rmwrap\"><a href=\"https:\/\/www.dmsjuridica.com\/buscador_20179478954\/corteconstitucionalcronologico202454587\/t-066-12\/\" class=\"_self pt-cv-readmore btn btn-success\" target=\"_self\">Ver Sentencia Completa...<\/a><\/div><\/div><\/div><\/div>\n<div class=\"col-md-12 col-sm-12 col-xs-12 pt-cv-content-item pt-cv-1-col\" ><div class='pt-cv-ifield'><a href=\"https:\/\/www.dmsjuridica.com\/buscador_20179478954\/corteconstitucionalcronologico202454587\/t-064-12\/\" class=\"_self pt-cv-href-thumbnail pt-cv-thumb-default\" target=\"_self\" ><\/a>\n<div class=\"pt-cv-taxoterm above_title\"><a href='https:\/\/www.dmsjuridica.com\/buscador_20179478954\/corteconstitucionalcronologico202454587\/category\/buscar-en-toda-la-corte\/2012\/tutelas-2012\/' title='Tutelas 2012' class='pt-cv-tax-tutelas-2012'>Tutelas 2012<\/a><\/div>\n<h4 class=\"pt-cv-title\"><a href=\"https:\/\/www.dmsjuridica.com\/buscador_20179478954\/corteconstitucionalcronologico202454587\/t-064-12\/\" class=\"_self\" target=\"_self\" >T-064-12<\/a><\/h4>\n<div class=\"pt-cv-content\">\u00a0 \u00a0 Sentencia \u00a0T-064\/12 \u00a0 DERECHO FUNDAMENTAL A LA SALUD Y PROTECCION POR MEDIO DE LA ACCION DE TUTELA \u00a0 PRESTACION DE MEDICAMENTOS Y TRATAMIENTOS NO INCLUIDOS EN EL POS\/RECOBRO ANTE EL FOSYGA-Requisitos\/RECOBRO ANTE ENTIDADES TERRITORIALES \u00a0 PRINCIPIO DE ATENCION INTEGRAL EN MATERIA DEL DERECHO A LA SALUD \u00a0 DERECHO AL DIAGNOSTICO DE UNA ENFERMEDAD HACE PARTE DEL DERECHO A LA SALUD \u00a0\u00a0 \u00a0 INCAPACIDAD LABORAL Y ALLANAMIENTO A LA MORA POR PARTE DEL EMPLEADOR \u00a0 CARENCIA ACTUAL DE OBJETO POR DA\u00d1O CONSUMADO-Fallecimiento del actor durante el tr\u00e1mite de la acci\u00f3n de tutela \u00a0 DEBER DE GARANTIZAR EL ACCESO A ...<br \/><div class=\"pt-cv-rmwrap\"><a href=\"https:\/\/www.dmsjuridica.com\/buscador_20179478954\/corteconstitucionalcronologico202454587\/t-064-12\/\" class=\"_self pt-cv-readmore btn btn-success\" target=\"_self\">Ver Sentencia Completa...<\/a><\/div><\/div><\/div><\/div>\n<div class=\"col-md-12 col-sm-12 col-xs-12 pt-cv-content-item pt-cv-1-col\" ><div class='pt-cv-ifield'><a href=\"https:\/\/www.dmsjuridica.com\/buscador_20179478954\/corteconstitucionalcronologico202454587\/t-063-12\/\" class=\"_self pt-cv-href-thumbnail pt-cv-thumb-default\" target=\"_self\" ><\/a>\n<div class=\"pt-cv-taxoterm above_title\"><a href='https:\/\/www.dmsjuridica.com\/buscador_20179478954\/corteconstitucionalcronologico202454587\/category\/buscar-en-toda-la-corte\/2012\/tutelas-2012\/' title='Tutelas 2012' class='pt-cv-tax-tutelas-2012'>Tutelas 2012<\/a><\/div>\n<h4 class=\"pt-cv-title\"><a href=\"https:\/\/www.dmsjuridica.com\/buscador_20179478954\/corteconstitucionalcronologico202454587\/t-063-12\/\" class=\"_self\" target=\"_self\" >T-063-12<\/a><\/h4>\n<div class=\"pt-cv-content\">\u00a0 \u00a0 Sentencia T-063\/12 \u00a0 PERSONA CON DISCAPACIDAD-Sujeto de especial protecci\u00f3n constitucional \u00a0 PROCEDIMIENTOS DE ANTICONCEPCION QUIRURGICOS-Par\u00e1metros \u00a0 El Congreso de la Rep\u00fablica aprob\u00f3 la Ley 1412 de 2010, que autoriza de manera gratuita la pr\u00e1ctica de la vasectom\u00eda y la ligadura de Trompas, a todos los sectores de la poblaci\u00f3n que as\u00ed lo soliciten por escrito a la respectiva entidad. El citado marco normativo, precis\u00f3 como par\u00e1metros para la pr\u00e1ctica de cualquiera de los procedimientos de anticoncepci\u00f3n quir\u00fargicos, los siguientes: a) Le corresponder\u00e1 al Sistema de Seguridad Social en Salud, garantizar que la pr\u00e1ctica de las cirug\u00edas sean cubiertas ...<br \/><div class=\"pt-cv-rmwrap\"><a href=\"https:\/\/www.dmsjuridica.com\/buscador_20179478954\/corteconstitucionalcronologico202454587\/t-063-12\/\" class=\"_self pt-cv-readmore btn btn-success\" target=\"_self\">Ver Sentencia Completa...<\/a><\/div><\/div><\/div><\/div>\n<div class=\"col-md-12 col-sm-12 col-xs-12 pt-cv-content-item pt-cv-1-col\" ><div class='pt-cv-ifield'><a href=\"https:\/\/www.dmsjuridica.com\/buscador_20179478954\/corteconstitucionalcronologico202454587\/t-062-12\/\" class=\"_self pt-cv-href-thumbnail pt-cv-thumb-default\" target=\"_self\" ><\/a>\n<div class=\"pt-cv-taxoterm above_title\"><a href='https:\/\/www.dmsjuridica.com\/buscador_20179478954\/corteconstitucionalcronologico202454587\/category\/buscar-en-toda-la-corte\/2012\/tutelas-2012\/' title='Tutelas 2012' class='pt-cv-tax-tutelas-2012'>Tutelas 2012<\/a><\/div>\n<h4 class=\"pt-cv-title\"><a href=\"https:\/\/www.dmsjuridica.com\/buscador_20179478954\/corteconstitucionalcronologico202454587\/t-062-12\/\" class=\"_self\" target=\"_self\" >T-062-12<\/a><\/h4>\n<div class=\"pt-cv-content\">\u00a0 \u00a0 Sentencia T-062\/12 \u00a0 ACCION DE TUTELA PARA PAGO DE PRESTACIONES SOCIALES-Reiteraci\u00f3n de jurisprudencia sobre requisitos de procedencia excepcional \u00a0 La l\u00ednea jurisprudencial de la Corte en relaci\u00f3n con el reconocimiento y pago de prestaciones sociales, ha se\u00f1alado que, por regla general, la acci\u00f3n de tutela resulta improcedente en la medida en que dicha controversia debe ventilarse ante la jurisdicci\u00f3n ordinaria. No obstante, de manera excepcional se ha admitido su procedencia cuando (i) no cuente con otro mecanismo de defensa judicial, (ii) o cuando existiendo, \u00e9ste resulta ineficaz para la protecci\u00f3n de los derechos. Sin embargo, existe una \u00faltima ...<br \/><div class=\"pt-cv-rmwrap\"><a href=\"https:\/\/www.dmsjuridica.com\/buscador_20179478954\/corteconstitucionalcronologico202454587\/t-062-12\/\" class=\"_self pt-cv-readmore btn btn-success\" target=\"_self\">Ver Sentencia Completa...<\/a><\/div><\/div><\/div><\/div>\n<div class=\"col-md-12 col-sm-12 col-xs-12 pt-cv-content-item pt-cv-1-col\" ><div class='pt-cv-ifield'><a href=\"https:\/\/www.dmsjuridica.com\/buscador_20179478954\/corteconstitucionalcronologico202454587\/t-061-12\/\" class=\"_self pt-cv-href-thumbnail pt-cv-thumb-default\" target=\"_self\" ><\/a>\n<div class=\"pt-cv-taxoterm above_title\"><a href='https:\/\/www.dmsjuridica.com\/buscador_20179478954\/corteconstitucionalcronologico202454587\/category\/buscar-en-toda-la-corte\/2012\/tutelas-2012\/' title='Tutelas 2012' class='pt-cv-tax-tutelas-2012'>Tutelas 2012<\/a><\/div>\n<h4 class=\"pt-cv-title\"><a href=\"https:\/\/www.dmsjuridica.com\/buscador_20179478954\/corteconstitucionalcronologico202454587\/t-061-12\/\" class=\"_self\" target=\"_self\" >T-061-12<\/a><\/h4>\n<div class=\"pt-cv-content\">\u00a0 \u00a0 Sentencia T-061\/12 \u00a0 PERSONA JURIDICA-Titularidad de derechos fundamentales \u00a0 El art\u00edculo 86 de la Constituci\u00f3n Pol\u00edtica consagra la acci\u00f3n de tutela como un mecanismo excepcional de protecci\u00f3n de los derechos fundamentales de todas las personas, la jurisprudencia de esta Corporaci\u00f3n ha entendido que del tenor literal de este precepto se derivan dos normas constitucionales: en primer lugar que las personas jur\u00eddicas son titulares de derechos fundamentales y en segundo lugar que cuentan con legitimaci\u00f3n activa para impetrar la acci\u00f3n de tutela por intermedio de su representante legal. \u00a0 LEGITIMACION EN LA CAUSA POR ACTIVA EN TUTELA DE PERSONA ...<br \/><div class=\"pt-cv-rmwrap\"><a href=\"https:\/\/www.dmsjuridica.com\/buscador_20179478954\/corteconstitucionalcronologico202454587\/t-061-12\/\" class=\"_self pt-cv-readmore btn btn-success\" target=\"_self\">Ver Sentencia Completa...<\/a><\/div><\/div><\/div><\/div>\n<div class=\"col-md-12 col-sm-12 col-xs-12 pt-cv-content-item pt-cv-1-col\" ><div class='pt-cv-ifield'><a href=\"https:\/\/www.dmsjuridica.com\/buscador_20179478954\/corteconstitucionalcronologico202454587\/t-060-12\/\" class=\"_self pt-cv-href-thumbnail pt-cv-thumb-default\" target=\"_self\" ><\/a>\n<div class=\"pt-cv-taxoterm above_title\"><a href='https:\/\/www.dmsjuridica.com\/buscador_20179478954\/corteconstitucionalcronologico202454587\/category\/buscar-en-toda-la-corte\/2012\/tutelas-2012\/' title='Tutelas 2012' class='pt-cv-tax-tutelas-2012'>Tutelas 2012<\/a><\/div>\n<h4 class=\"pt-cv-title\"><a href=\"https:\/\/www.dmsjuridica.com\/buscador_20179478954\/corteconstitucionalcronologico202454587\/t-060-12\/\" class=\"_self\" target=\"_self\" >T-060-12<\/a><\/h4>\n<div class=\"pt-cv-content\">\u00a0 \u00a0 Sentencia T-060\/12 \u00a0 ACCION DE TUTELA CONTRA PROVIDENCIAS JUDICIALES-Requisitos generales y especiales de procedibilidad \u00a0 PRESUNCION DE CERTEZA DEL CONTENIDO DE DOCUMENTO FIRMADO EN BLANCO-Caso en que \u00e9sta s\u00ed fue desvirtuada durante el proceso y no proced\u00eda la orden de seguir adelante con la ejecuci\u00f3n \u00a0 Conclusi\u00f3n obligada de la valoraci\u00f3n de estas tres pruebas \u2013totalmente obviadas por el juez demandado en la sentencia atacada- es que el ejecutante desconoci\u00f3 las instrucciones de los ejecutados al llenar el pagar\u00e9 en blanco pues incluy\u00f3 en \u00e9l una indemnizaci\u00f3n de perjuicios que no estaba previamente estimada en el contrato ni ...<br \/><div class=\"pt-cv-rmwrap\"><a href=\"https:\/\/www.dmsjuridica.com\/buscador_20179478954\/corteconstitucionalcronologico202454587\/t-060-12\/\" class=\"_self pt-cv-readmore btn btn-success\" target=\"_self\">Ver Sentencia Completa...<\/a><\/div><\/div><\/div><\/div>\n<div class=\"col-md-12 col-sm-12 col-xs-12 pt-cv-content-item pt-cv-1-col\" ><div class='pt-cv-ifield'><a href=\"https:\/\/www.dmsjuridica.com\/buscador_20179478954\/corteconstitucionalcronologico202454587\/t-059-12\/\" class=\"_self pt-cv-href-thumbnail pt-cv-thumb-default\" target=\"_self\" ><\/a>\n<div class=\"pt-cv-taxoterm above_title\"><a href='https:\/\/www.dmsjuridica.com\/buscador_20179478954\/corteconstitucionalcronologico202454587\/category\/buscar-en-toda-la-corte\/2012\/tutelas-2012\/' title='Tutelas 2012' class='pt-cv-tax-tutelas-2012'>Tutelas 2012<\/a><\/div>\n<h4 class=\"pt-cv-title\"><a href=\"https:\/\/www.dmsjuridica.com\/buscador_20179478954\/corteconstitucionalcronologico202454587\/t-059-12\/\" class=\"_self\" target=\"_self\" >T-059-12<\/a><\/h4>\n<div class=\"pt-cv-content\">\u00a0 \u00a0 Sentencia T-059\/12 \u00a0 DERECHO CONSTITUCIONAL A LA SEGURIDAD PERSONAL \u00a0 PROTECCION DE PERSONAS EN CONDICIONES ESPECIALES DE RIESGO \u00a0 REGULACION SOBRE LA PROTECCION ESPECIAL A CARGO DEL ESTADO TENIENDO EN CUENTA LOS NIVELES DE RIESGO \u00a0 EFECTIVIDAD DEL ESTUDIO DE SEGURIDAD-Carece de sentido pretender que sea el Juez de Tutela quien lo realice o lo eval\u00fae \u00a0 Cuestionar la efectividad del estudio de seguridad, para que sea el juez de tutela el que lo realice o lo eval\u00fae, carece de sentido en cuanto a la naturaleza misma del requisito. El cual como se dijo pretende ser objetivo, justamente ...<br \/><div class=\"pt-cv-rmwrap\"><a href=\"https:\/\/www.dmsjuridica.com\/buscador_20179478954\/corteconstitucionalcronologico202454587\/t-059-12\/\" class=\"_self pt-cv-readmore btn btn-success\" target=\"_self\">Ver Sentencia Completa...<\/a><\/div><\/div><\/div><\/div>\n<div class=\"col-md-12 col-sm-12 col-xs-12 pt-cv-content-item pt-cv-1-col\" ><div class='pt-cv-ifield'><a href=\"https:\/\/www.dmsjuridica.com\/buscador_20179478954\/corteconstitucionalcronologico202454587\/t-058-12\/\" class=\"_self pt-cv-href-thumbnail pt-cv-thumb-default\" target=\"_self\" ><\/a>\n<div class=\"pt-cv-taxoterm above_title\"><a href='https:\/\/www.dmsjuridica.com\/buscador_20179478954\/corteconstitucionalcronologico202454587\/category\/buscar-en-toda-la-corte\/2012\/tutelas-2012\/' title='Tutelas 2012' class='pt-cv-tax-tutelas-2012'>Tutelas 2012<\/a><\/div>\n<h4 class=\"pt-cv-title\"><a href=\"https:\/\/www.dmsjuridica.com\/buscador_20179478954\/corteconstitucionalcronologico202454587\/t-058-12\/\" class=\"_self\" target=\"_self\" >T-058-12<\/a><\/h4>\n<div class=\"pt-cv-content\">\u00a0 \u00a0 Sentencia T-058\/12 \u00a0 MORA JUDICIAL-Procedencia de la acci\u00f3n de tutela cuando est\u00e1n de por medio menores de edad \u00a0 \u00a0 En materia de delitos cometidos contra menores de edad, el tema de la mora judicial, y de la consecuente vulneraci\u00f3n del derecho fundamental al debido proceso, no pueden seguir estrictamente los par\u00e1metros que se emplean al momento de determinar la procedencia del amparo por inactividad judicial. En los asuntos en los cuales los menores de edad sean v\u00edctimas de un delito, la Constituci\u00f3n y los instrumentos internacionales imponen a las autoridades p\u00fablicas unos deberes especiales de protecci\u00f3n, relacionados ...<br \/><div class=\"pt-cv-rmwrap\"><a href=\"https:\/\/www.dmsjuridica.com\/buscador_20179478954\/corteconstitucionalcronologico202454587\/t-058-12\/\" class=\"_self pt-cv-readmore btn btn-success\" target=\"_self\">Ver Sentencia Completa...<\/a><\/div><\/div><\/div><\/div>\n<div class=\"col-md-12 col-sm-12 col-xs-12 pt-cv-content-item pt-cv-1-col\" ><div class='pt-cv-ifield'><a href=\"https:\/\/www.dmsjuridica.com\/buscador_20179478954\/corteconstitucionalcronologico202454587\/t-057-12\/\" class=\"_self pt-cv-href-thumbnail pt-cv-thumb-default\" target=\"_self\" ><\/a>\n<div class=\"pt-cv-taxoterm above_title\"><a href='https:\/\/www.dmsjuridica.com\/buscador_20179478954\/corteconstitucionalcronologico202454587\/category\/buscar-en-toda-la-corte\/2012\/tutelas-2012\/' title='Tutelas 2012' class='pt-cv-tax-tutelas-2012'>Tutelas 2012<\/a><\/div>\n<h4 class=\"pt-cv-title\"><a href=\"https:\/\/www.dmsjuridica.com\/buscador_20179478954\/corteconstitucionalcronologico202454587\/t-057-12\/\" class=\"_self\" target=\"_self\" >T-057-12<\/a><\/h4>\n<div class=\"pt-cv-content\">\u00a0 \u00a0 \u00a0 \u00a0 \u00a0 \u00a0 \u00a0 Sentencia T-057\/12 \u00a0 LEGITIMACION EN LA CAUSA POR ACTIVA Y AGENCIA OFICIOSA EN LA ACCION DE TUTELA-Reiteraci\u00f3n de jurisprudencia \u00a0 DERECHO A LA SALUD MENTAL-Fundamental por conexidad con la vida \u00a0 TRASTORNOS AFECTIVOS, MENTALES Y DEL COMPORTAMIENTO-Protecci\u00f3n constitucional\/ADICCION A SUSTANCIAS PSICOACTIVAS O FARMACO DEPENDENCIA-Estado debe brindar tratamientos\u00a0 \u00a0 PRINCIPIO DE SOLIDARIDAD FAMILIAR CON PERSONAS QUE PADECEN DE TRASTORNO AFECTIVO BIPOLAR-Cobertura \u00a0 La Corte Constitucional ha definido que la responsabilidad de proteger y garantizar la salud mental de los enfermos ps\u00edquicos, recae en un primer momento en cabeza de las entidades prestadoras de salud ...<br \/><div class=\"pt-cv-rmwrap\"><a href=\"https:\/\/www.dmsjuridica.com\/buscador_20179478954\/corteconstitucionalcronologico202454587\/t-057-12\/\" class=\"_self pt-cv-readmore btn btn-success\" target=\"_self\">Ver Sentencia Completa...<\/a><\/div><\/div><\/div><\/div>\n<div class=\"col-md-12 col-sm-12 col-xs-12 pt-cv-content-item pt-cv-1-col\" ><div class='pt-cv-ifield'><a href=\"https:\/\/www.dmsjuridica.com\/buscador_20179478954\/corteconstitucionalcronologico202454587\/t-056-12\/\" class=\"_self pt-cv-href-thumbnail pt-cv-thumb-default\" target=\"_self\" ><\/a>\n<div class=\"pt-cv-taxoterm above_title\"><a href='https:\/\/www.dmsjuridica.com\/buscador_20179478954\/corteconstitucionalcronologico202454587\/category\/buscar-en-toda-la-corte\/2012\/tutelas-2012\/' title='Tutelas 2012' class='pt-cv-tax-tutelas-2012'>Tutelas 2012<\/a><\/div>\n<h4 class=\"pt-cv-title\"><a href=\"https:\/\/www.dmsjuridica.com\/buscador_20179478954\/corteconstitucionalcronologico202454587\/t-056-12\/\" class=\"_self\" target=\"_self\" >T-056-12<\/a><\/h4>\n<div class=\"pt-cv-content\">\u00a0 \u00a0 Sentencia T-056\/12 \u00a0 ESTABILIDAD LABORAL REFORZADA DE MUJER EMBARAZADA Y DURANTE EL PERIODO DE LACTANCIA-Reglas para la protecci\u00f3n\u00a0 \u00a0 DERECHO FUNDAMENTAL A LA ESTABILIDAD LABORAL REFORZADA DE MUJER EMBARAZADA Y DURANTE EL PERIODO DE LACTANCIA-Caso de mujeres en estado de gestaci\u00f3n que fueron desvinculadas de sus trabajos \u00a0 MATERNIDAD-Fuero constitucional e internacional\u00a0 \u00a0 Varios instrumentos internacionales protegen la asistencia especial para la maternidad y la infancia, tales como: la Declaraci\u00f3n Universal de los Derechos Humanos, el Pacto Internacional de Derecho Econ\u00f3micos Sociales y Culturales, la Convenci\u00f3n sobre todas las formas de discriminaci\u00f3n contra la mujer, el Convenio 13 ...<br \/><div class=\"pt-cv-rmwrap\"><a href=\"https:\/\/www.dmsjuridica.com\/buscador_20179478954\/corteconstitucionalcronologico202454587\/t-056-12\/\" class=\"_self pt-cv-readmore btn btn-success\" target=\"_self\">Ver Sentencia Completa...<\/a><\/div><\/div><\/div><\/div>\n<div class=\"col-md-12 col-sm-12 col-xs-12 pt-cv-content-item pt-cv-1-col\" ><div class='pt-cv-ifield'><a href=\"https:\/\/www.dmsjuridica.com\/buscador_20179478954\/corteconstitucionalcronologico202454587\/t-055-12\/\" class=\"_self pt-cv-href-thumbnail pt-cv-thumb-default\" target=\"_self\" ><\/a>\n<div class=\"pt-cv-taxoterm above_title\"><a href='https:\/\/www.dmsjuridica.com\/buscador_20179478954\/corteconstitucionalcronologico202454587\/category\/buscar-en-toda-la-corte\/2012\/tutelas-2012\/' title='Tutelas 2012' class='pt-cv-tax-tutelas-2012'>Tutelas 2012<\/a><\/div>\n<h4 class=\"pt-cv-title\"><a href=\"https:\/\/www.dmsjuridica.com\/buscador_20179478954\/corteconstitucionalcronologico202454587\/t-055-12\/\" class=\"_self\" target=\"_self\" >T-055-12<\/a><\/h4>\n<div class=\"pt-cv-content\">DERECHOS LITIGIOSOS DE CONTENIDO ECONOMICO-No procede la tutela para definirlos \u00a0 REQUISITO DE INMEDIATEZ PARA EL PAGO DE ACREENCIAS LABORALES-Reiteraci\u00f3n de jurisprudencia \u00a0 Esta Corte ha evaluado casos en que trabajadores de ECOPETROL pidieron por v\u00eda de tutela el pago o incremento de salarios o prestaciones, concluyendo que un desproporcionadamente extenso interregno entre la ocurrencia de la supuesta vulneraci\u00f3n y la reclamaci\u00f3n, quebranta el principio de inmediatez \u00a0 PRECEDENTE CONSTITUCIONAL-Car\u00e1cter vinculante \u00a0 Independientemente de lo estatuido en el art\u00edculo 243 superior, cuyas \u00a0implicaciones tambi\u00e9n han sido desarrolladas jurisprudencialmente, y siendo claro que las fallos dictados por la Corte Constitucional en ...<br \/><div class=\"pt-cv-rmwrap\"><a href=\"https:\/\/www.dmsjuridica.com\/buscador_20179478954\/corteconstitucionalcronologico202454587\/t-055-12\/\" class=\"_self pt-cv-readmore btn btn-success\" target=\"_self\">Ver Sentencia Completa...<\/a><\/div><\/div><\/div><\/div>\n<div class=\"col-md-12 col-sm-12 col-xs-12 pt-cv-content-item pt-cv-1-col\" ><div class='pt-cv-ifield'><a href=\"https:\/\/www.dmsjuridica.com\/buscador_20179478954\/corteconstitucionalcronologico202454587\/t-054-12\/\" class=\"_self pt-cv-href-thumbnail pt-cv-thumb-default\" target=\"_self\" ><\/a>\n<div class=\"pt-cv-taxoterm above_title\"><a href='https:\/\/www.dmsjuridica.com\/buscador_20179478954\/corteconstitucionalcronologico202454587\/category\/buscar-en-toda-la-corte\/2012\/tutelas-2012\/' title='Tutelas 2012' class='pt-cv-tax-tutelas-2012'>Tutelas 2012<\/a><\/div>\n<h4 class=\"pt-cv-title\"><a href=\"https:\/\/www.dmsjuridica.com\/buscador_20179478954\/corteconstitucionalcronologico202454587\/t-054-12\/\" class=\"_self\" target=\"_self\" >T-054-12<\/a><\/h4>\n<div class=\"pt-cv-content\">\u00a0 \u00a0 Sentencia T-054\/12 \u00a0 ACCION DE TUTELA PARA RECONOCIMIENTO DE PENSION DE INVALIDEZ-Procedencia para proteger derechos fundamentales al m\u00ednimo vital y a la seguridad social \u00a0 PENSION DE INVALIDEZ-Desarrollo legal y jurisprudencial conforme con el art\u00edculo 39 de la Ley 100 de 1993 \u00a0 PENSION DE INVALIDEZ Y DERECHO AL MINIMO VITAL-Orden a Fondo de Pensiones reconocer y pagar pensi\u00f3n de invalidez seg\u00fan lineamientos de la sentencia C-428\/09 \u00a0 Referencia: expedientes T-3204600 y T- 3210158. \u00a0 Acciones de tutela incoadas por Mar\u00eda Eugenia Yepes M\u00fanera, como agente oficiosa de Wilson Alveiro Yepes M\u00fanera, contra el Instituto de Seguros Sociales ...<br \/><div class=\"pt-cv-rmwrap\"><a href=\"https:\/\/www.dmsjuridica.com\/buscador_20179478954\/corteconstitucionalcronologico202454587\/t-054-12\/\" class=\"_self pt-cv-readmore btn btn-success\" target=\"_self\">Ver Sentencia Completa...<\/a><\/div><\/div><\/div><\/div>\n<div class=\"col-md-12 col-sm-12 col-xs-12 pt-cv-content-item pt-cv-1-col\" ><div class='pt-cv-ifield'><a href=\"https:\/\/www.dmsjuridica.com\/buscador_20179478954\/corteconstitucionalcronologico202454587\/t-053-12\/\" class=\"_self pt-cv-href-thumbnail pt-cv-thumb-default\" target=\"_self\" ><\/a>\n<div class=\"pt-cv-taxoterm above_title\"><a href='https:\/\/www.dmsjuridica.com\/buscador_20179478954\/corteconstitucionalcronologico202454587\/category\/buscar-en-toda-la-corte\/2012\/tutelas-2012\/' title='Tutelas 2012' class='pt-cv-tax-tutelas-2012'>Tutelas 2012<\/a><\/div>\n<h4 class=\"pt-cv-title\"><a href=\"https:\/\/www.dmsjuridica.com\/buscador_20179478954\/corteconstitucionalcronologico202454587\/t-053-12\/\" class=\"_self\" target=\"_self\" >T-053-12<\/a><\/h4>\n<div class=\"pt-cv-content\">\u00a0 \u00a0 SENTENCIA T-053\/12 \u00a0 ACTUACION TEMERARIA Y COSA JUZGADA EN MATERIA DE TUTELA-Configuraci\u00f3n \u00a0 El precedente constitucional ha comprendido la temeridad de dos formas, por una parte la concepci\u00f3n por la que esta solo puede configurarse si el accionante act\u00faa de mala fe, por otra, la interpretaci\u00f3n literal del citado art\u00edculo 38 bajo la cual no se requiere tal elemento para su consolidaci\u00f3n, en consecuencia solo se necesita que el accionante presente varias veces una demanda de tutela por los mismos hechos sin justificaci\u00f3n alguna. No obstante, esta Corte ante tal ambivalencia concluy\u00f3, que la improcedencia de una acci\u00f3n ...<br \/><div class=\"pt-cv-rmwrap\"><a href=\"https:\/\/www.dmsjuridica.com\/buscador_20179478954\/corteconstitucionalcronologico202454587\/t-053-12\/\" class=\"_self pt-cv-readmore btn btn-success\" target=\"_self\">Ver Sentencia Completa...<\/a><\/div><\/div><\/div><\/div>\n<div class=\"col-md-12 col-sm-12 col-xs-12 pt-cv-content-item pt-cv-1-col\" ><div class='pt-cv-ifield'><a href=\"https:\/\/www.dmsjuridica.com\/buscador_20179478954\/corteconstitucionalcronologico202454587\/t-048-12\/\" class=\"_self pt-cv-href-thumbnail pt-cv-thumb-default\" target=\"_self\" ><\/a>\n<div class=\"pt-cv-taxoterm above_title\"><a href='https:\/\/www.dmsjuridica.com\/buscador_20179478954\/corteconstitucionalcronologico202454587\/category\/buscar-en-toda-la-corte\/2012\/tutelas-2012\/' title='Tutelas 2012' class='pt-cv-tax-tutelas-2012'>Tutelas 2012<\/a><\/div>\n<h4 class=\"pt-cv-title\"><a href=\"https:\/\/www.dmsjuridica.com\/buscador_20179478954\/corteconstitucionalcronologico202454587\/t-048-12\/\" class=\"_self\" target=\"_self\" >T-048-12<\/a><\/h4>\n<div class=\"pt-cv-content\">\u00a0 \u00a0 Sentencia T-048\/12 \u00a0 DERECHO FUNDAMENTAL A LA SALUD DE NI\u00d1OS Y NI\u00d1AS-Reiteraci\u00f3n de jurisprudencia \u00a0 La Corte Constitucional ha establecido en reiteradas ocasiones el car\u00e1cter fundamental del derecho a la salud de los ni\u00f1os y las ni\u00f1as. \u00a0El art\u00edculo 44 de la Constituci\u00f3n enuncia que los \u201cderechos de los ni\u00f1os prevalecen sobre los derechos de los dem\u00e1s.\u201d De igual manera, el ordenamiento jur\u00eddico colombiano ha dispuesto la prevalencia del inter\u00e9s superior del menor pues ha ratificado la Convenci\u00f3n sobre los Derechos del Ni\u00f1o y ha promulgado la Ley de la Infancia y la Adolescencia, Ley 1098 de 2006, ...<br \/><div class=\"pt-cv-rmwrap\"><a href=\"https:\/\/www.dmsjuridica.com\/buscador_20179478954\/corteconstitucionalcronologico202454587\/t-048-12\/\" class=\"_self pt-cv-readmore btn btn-success\" target=\"_self\">Ver Sentencia Completa...<\/a><\/div><\/div><\/div><\/div>\n<div class=\"col-md-12 col-sm-12 col-xs-12 pt-cv-content-item pt-cv-1-col\" ><div class='pt-cv-ifield'><a href=\"https:\/\/www.dmsjuridica.com\/buscador_20179478954\/corteconstitucionalcronologico202454587\/t-047-12\/\" class=\"_self pt-cv-href-thumbnail pt-cv-thumb-default\" target=\"_self\" ><\/a>\n<div class=\"pt-cv-taxoterm above_title\"><a href='https:\/\/www.dmsjuridica.com\/buscador_20179478954\/corteconstitucionalcronologico202454587\/category\/buscar-en-toda-la-corte\/2012\/tutelas-2012\/' title='Tutelas 2012' class='pt-cv-tax-tutelas-2012'>Tutelas 2012<\/a><\/div>\n<h4 class=\"pt-cv-title\"><a href=\"https:\/\/www.dmsjuridica.com\/buscador_20179478954\/corteconstitucionalcronologico202454587\/t-047-12\/\" class=\"_self\" target=\"_self\" >T-047-12<\/a><\/h4>\n<div class=\"pt-cv-content\">\u00a0 \u00a0 Sentencia T-047\/12 \u00a0 ACCION DE TUTELA CONTRA PROVIDENCIAS JUDICIALES-Requisitos generales y especiales de procedibilidad \u00a0 Por medio de una reiterada l\u00ednea jurisprudencial, esta corporaci\u00f3n ha fijado los criterios que se deben analizar ante una acci\u00f3n de tutela en contra de una providencia judicial. Siendo que s\u00f3lo en casos excepcionales puede proceder una acci\u00f3n de amparo constitucional contra una providencia judicial, la Corte distingui\u00f3 unos criterios de car\u00e1cter general, que habilitan la interposici\u00f3n de la tutela y, otros de car\u00e1cter espec\u00edfico, que tratan la procedencia misma de la acci\u00f3n, una vez interpuesta. La excepcionalidad de la tutela contra providencias ...<br \/><div class=\"pt-cv-rmwrap\"><a href=\"https:\/\/www.dmsjuridica.com\/buscador_20179478954\/corteconstitucionalcronologico202454587\/t-047-12\/\" class=\"_self pt-cv-readmore btn btn-success\" target=\"_self\">Ver Sentencia Completa...<\/a><\/div><\/div><\/div><\/div>\n<div class=\"col-md-12 col-sm-12 col-xs-12 pt-cv-content-item pt-cv-1-col\" ><div class='pt-cv-ifield'><a href=\"https:\/\/www.dmsjuridica.com\/buscador_20179478954\/corteconstitucionalcronologico202454587\/t-046-12\/\" class=\"_self pt-cv-href-thumbnail pt-cv-thumb-default\" target=\"_self\" ><\/a>\n<div class=\"pt-cv-taxoterm above_title\"><a href='https:\/\/www.dmsjuridica.com\/buscador_20179478954\/corteconstitucionalcronologico202454587\/category\/buscar-en-toda-la-corte\/2012\/tutelas-2012\/' title='Tutelas 2012' class='pt-cv-tax-tutelas-2012'>Tutelas 2012<\/a><\/div>\n<h4 class=\"pt-cv-title\"><a href=\"https:\/\/www.dmsjuridica.com\/buscador_20179478954\/corteconstitucionalcronologico202454587\/t-046-12\/\" class=\"_self\" target=\"_self\" >T-046-12<\/a><\/h4>\n<div class=\"pt-cv-content\">\u00a0 \u00a0 Sentencia T-046\/12 \u00a0 DERECHO FUNDAMENTAL A LA SALUD DE PERSONA DISCAPACITADA-Reiteraci\u00f3n de jurisprudencia \u00a0 MEDICAMENTOS Y TRATAMIENTOS NO INCLUIDOS EN EL POS Y RECOBRO ANTE EL FOSYGA-Reiteraci\u00f3n de jurisprudencia \u00a0 DERECHO A LA SALUD Y PRINCIPIO DE ATENCION INTEGRAL-Reiteraci\u00f3n de jurisprudencia \u00a0 DERECHO A LA SALUD-Deber de garantizar el acceso a los servicios de salud, libre de tr\u00e1mites y procedimientos administrativos engorrosos e innecesarios \u00a0 La jurisprudencia constitucional ha garantizado el derecho a acceder a los servicios de salud, libre de obst\u00e1culos burocr\u00e1ticos y administrativos. As\u00ed, por ejemplo, cuando por razones de car\u00e1cter administrativo diferentes a las razonables ...<br \/><div class=\"pt-cv-rmwrap\"><a href=\"https:\/\/www.dmsjuridica.com\/buscador_20179478954\/corteconstitucionalcronologico202454587\/t-046-12\/\" class=\"_self pt-cv-readmore btn btn-success\" target=\"_self\">Ver Sentencia Completa...<\/a><\/div><\/div><\/div><\/div>\n<div class=\"col-md-12 col-sm-12 col-xs-12 pt-cv-content-item pt-cv-1-col\" ><div class='pt-cv-ifield'><a href=\"https:\/\/www.dmsjuridica.com\/buscador_20179478954\/corteconstitucionalcronologico202454587\/t-045-12\/\" class=\"_self pt-cv-href-thumbnail pt-cv-thumb-default\" target=\"_self\" ><\/a>\n<div class=\"pt-cv-taxoterm above_title\"><a href='https:\/\/www.dmsjuridica.com\/buscador_20179478954\/corteconstitucionalcronologico202454587\/category\/buscar-en-toda-la-corte\/2012\/tutelas-2012\/' title='Tutelas 2012' class='pt-cv-tax-tutelas-2012'>Tutelas 2012<\/a><\/div>\n<h4 class=\"pt-cv-title\"><a href=\"https:\/\/www.dmsjuridica.com\/buscador_20179478954\/corteconstitucionalcronologico202454587\/t-045-12\/\" class=\"_self\" target=\"_self\" >T-045-12<\/a><\/h4>\n<div class=\"pt-cv-content\">\u00a0 \u00a0 Sentencia T-045\/12 \u00a0 DERECHO A LA SEGURIDAD SOCIAL EN PENSIONES-Reiteraci\u00f3n de jurisprudencia \u00a0 ACCION DE TUTELA PARA PROTEGER EL DERECHO A LA SEGURIDAD SOCIAL EN PENSIONES-Procedencia excepcional \u00a0 PERJUICIO IRREMEDIABLE-Caracter\u00edsticas \u00a0 ACCION DE TUTELA PARA RECONOCIMIENTO Y PAGO DE PENSIONES-Condiciones para su procedencia\u00a0 \u00a0 Referencia: expediente T-3171940 \u00a0 Acci\u00f3n de tutela instaurada por Carlos Arturo Romero G\u00f3ngora contra Protecci\u00f3n S.A. AFP y el Instituto de Seguros Sociales. \u00a0 Magistrado Ponente \u00a0 Colabor\u00f3: Alejandra Tarazona Zambrano \u00a0 Bogot\u00e1 D.C., \u00a0siete (7) de febrero de dos mil doce (2012) \u00a0 La Sala Tercera de Revisi\u00f3n de la Corte Constitucional, integrada ...<br \/><div class=\"pt-cv-rmwrap\"><a href=\"https:\/\/www.dmsjuridica.com\/buscador_20179478954\/corteconstitucionalcronologico202454587\/t-045-12\/\" class=\"_self pt-cv-readmore btn btn-success\" target=\"_self\">Ver Sentencia Completa...<\/a><\/div><\/div><\/div><\/div>\n<div class=\"col-md-12 col-sm-12 col-xs-12 pt-cv-content-item pt-cv-1-col\" ><div class='pt-cv-ifield'><a href=\"https:\/\/www.dmsjuridica.com\/buscador_20179478954\/corteconstitucionalcronologico202454587\/t-043-12\/\" class=\"_self pt-cv-href-thumbnail pt-cv-thumb-default\" target=\"_self\" ><\/a>\n<div class=\"pt-cv-taxoterm above_title\"><a href='https:\/\/www.dmsjuridica.com\/buscador_20179478954\/corteconstitucionalcronologico202454587\/category\/buscar-en-toda-la-corte\/2012\/tutelas-2012\/' title='Tutelas 2012' class='pt-cv-tax-tutelas-2012'>Tutelas 2012<\/a><\/div>\n<h4 class=\"pt-cv-title\"><a href=\"https:\/\/www.dmsjuridica.com\/buscador_20179478954\/corteconstitucionalcronologico202454587\/t-043-12\/\" class=\"_self\" target=\"_self\" >T-043-12<\/a><\/h4>\n<div class=\"pt-cv-content\">\u00a0 \u00a0 Sentencia T-043\/12 \u00a0 ACCION DE TUTELA PARA EL RECONOCIMIENTO Y PAGO DE PRESTACIONES SOCIALES-Procedencia excepcional \u00a0 DERECHO A LA PENSION DE SOBREVIVIENTES-Finalidad \u00a0 PENSION DE SOBREVIVIENTES-Beneficiarios \u00a0 PENSION DE SOBREVIVIENTES-Jurisprudencia constitucional\u00a0 \u00a0 Referencia: expediente T-3.229.258 \u00a0 Accionante: Josefa Mar\u00eda Carrera Campo \u00a0 Accionado: Instituto de Seguros Sociales \u00a0 Magistrado Ponente: \u00a0 GABRIEL EDUARDO MENDOZA MARTELO \u00a0 Bogot\u00e1 D. C., siete (7) de febrero de dos mil doce (2012) \u00a0 La Sala Cuarta de Revisi\u00f3n de la Corte Constitucional, integrada por los magistrados, Gabriel Eduardo Mendoza Martelo, Jorge Iv\u00e1n Palacio Palacio y Nilson El\u00edas Pinilla Pinilla, en ejercicio de ...<br \/><div class=\"pt-cv-rmwrap\"><a href=\"https:\/\/www.dmsjuridica.com\/buscador_20179478954\/corteconstitucionalcronologico202454587\/t-043-12\/\" class=\"_self pt-cv-readmore btn btn-success\" target=\"_self\">Ver Sentencia Completa...<\/a><\/div><\/div><\/div><\/div>\n<div class=\"col-md-12 col-sm-12 col-xs-12 pt-cv-content-item pt-cv-1-col\" ><div class='pt-cv-ifield'><a href=\"https:\/\/www.dmsjuridica.com\/buscador_20179478954\/corteconstitucionalcronologico202454587\/t-042-12\/\" class=\"_self pt-cv-href-thumbnail pt-cv-thumb-default\" target=\"_self\" ><\/a>\n<div class=\"pt-cv-taxoterm above_title\"><a href='https:\/\/www.dmsjuridica.com\/buscador_20179478954\/corteconstitucionalcronologico202454587\/category\/buscar-en-toda-la-corte\/2012\/tutelas-2012\/' title='Tutelas 2012' class='pt-cv-tax-tutelas-2012'>Tutelas 2012<\/a><\/div>\n<h4 class=\"pt-cv-title\"><a href=\"https:\/\/www.dmsjuridica.com\/buscador_20179478954\/corteconstitucionalcronologico202454587\/t-042-12\/\" class=\"_self\" target=\"_self\" >T-042-12<\/a><\/h4>\n<div class=\"pt-cv-content\">\u00a0 \u00a0 Sentencia T-042\/12 \u00a0 ACCION DE TUTELA CONTRA JUZGADO CIVIL DEL CIRCUITO-Caso en que se otorg\u00f3 merito ejecutivo a resoluciones que no cumplieron requisitos para ello \u00a0 DEFECTO FACTICO-Los actos administrativos por los que se libr\u00f3 el mandamiento de pago no cumplen con los requisitos del Decreto 2831\/05 \u00a0 ACCION DE TUTELA CONTRA PROVIDENCIAS JUDICIALES-Requisitos generales de procedibilidad \u00a0 FONDO NACIONAL DE PRESTACIONES SOCIALES DEL MAGISTERIO-Resoluciones mediante las cuales reconozca prestaciones sociales deben cumplir con el requisito de aprobaci\u00f3n previa por parte de la sociedad fiduciaria\u00a0 \u00a0 De acuerdo con el par\u00e1grafo segundo del art\u00edculo 3\u00ba del Decreto 2381 ...<br \/><div class=\"pt-cv-rmwrap\"><a href=\"https:\/\/www.dmsjuridica.com\/buscador_20179478954\/corteconstitucionalcronologico202454587\/t-042-12\/\" class=\"_self pt-cv-readmore btn btn-success\" target=\"_self\">Ver Sentencia Completa...<\/a><\/div><\/div><\/div><\/div>\n<div class=\"col-md-12 col-sm-12 col-xs-12 pt-cv-content-item pt-cv-1-col\" ><div class='pt-cv-ifield'><a href=\"https:\/\/www.dmsjuridica.com\/buscador_20179478954\/corteconstitucionalcronologico202454587\/t-041-12\/\" class=\"_self pt-cv-href-thumbnail pt-cv-thumb-default\" target=\"_self\" ><\/a>\n<div class=\"pt-cv-taxoterm above_title\"><a href='https:\/\/www.dmsjuridica.com\/buscador_20179478954\/corteconstitucionalcronologico202454587\/category\/buscar-en-toda-la-corte\/2012\/tutelas-2012\/' title='Tutelas 2012' class='pt-cv-tax-tutelas-2012'>Tutelas 2012<\/a><\/div>\n<h4 class=\"pt-cv-title\"><a href=\"https:\/\/www.dmsjuridica.com\/buscador_20179478954\/corteconstitucionalcronologico202454587\/t-041-12\/\" class=\"_self\" target=\"_self\" >T-041-12<\/a><\/h4>\n<div class=\"pt-cv-content\">\u00a0 \u00a0 Sentencia T-041\/12\u00a0 \u00a0 ACCION DE TUTELA-Procedencia excepcional para reclamar acreencias prestacionales \u00a0 INTERPOSICION DE RECURSOS EN LA VIA GUBERNATIVA-Reiteraci\u00f3n jurisprudencial \u00a0 Adem\u00e1s de constituir un requisito previo a la interposici\u00f3n de las acciones judiciales para resolver un conflicto con la administraci\u00f3n, tambi\u00e9n se asimila a un derecho de petici\u00f3n, ya que a trav\u00e9s de tales recursos el administrado eleva una petici\u00f3n respetuosa a la autoridad p\u00fablica que tiene como finalidad obtener la aclaraci\u00f3n, la modificaci\u00f3n o la revocaci\u00f3n de un determinado acto. \u00a0 DERECHO DE PETICION EN ACTUACIONES JUDICIALES-Alcance \u00a0 SILENCIO ADMINISTRATIVO NEGATIVO-Agota el requisito para acudir a ...<br \/><div class=\"pt-cv-rmwrap\"><a href=\"https:\/\/www.dmsjuridica.com\/buscador_20179478954\/corteconstitucionalcronologico202454587\/t-041-12\/\" class=\"_self pt-cv-readmore btn btn-success\" target=\"_self\">Ver Sentencia Completa...<\/a><\/div><\/div><\/div><\/div>\n<div class=\"col-md-12 col-sm-12 col-xs-12 pt-cv-content-item pt-cv-1-col\" ><div class='pt-cv-ifield'><a href=\"https:\/\/www.dmsjuridica.com\/buscador_20179478954\/corteconstitucionalcronologico202454587\/t-040-12\/\" class=\"_self pt-cv-href-thumbnail pt-cv-thumb-default\" target=\"_self\" ><\/a>\n<div class=\"pt-cv-taxoterm above_title\"><a href='https:\/\/www.dmsjuridica.com\/buscador_20179478954\/corteconstitucionalcronologico202454587\/category\/buscar-en-toda-la-corte\/2012\/tutelas-2012\/' title='Tutelas 2012' class='pt-cv-tax-tutelas-2012'>Tutelas 2012<\/a><\/div>\n<h4 class=\"pt-cv-title\"><a href=\"https:\/\/www.dmsjuridica.com\/buscador_20179478954\/corteconstitucionalcronologico202454587\/t-040-12\/\" class=\"_self\" target=\"_self\" >T-040-12<\/a><\/h4>\n<div class=\"pt-cv-content\">\u00a0 \u00a0 Sentencia T-040\/12 \u00a0 ACCION DE TUTELA CONTRA PARTICULARES-Procedencia \u00a0 PROFESION DE ENDOSCOPISTA\/TITULOS DE IDONEIDAD-Exigencia \u00a0 ACCION DE TUTELA-Improcedencia para verificar el cumplimiento de requisitos de idoneidad y experiencia profesional, excepto en caso de discriminaci\u00f3n \u00a0 ESTADO DE INDEFENSION-Se traduce en una ausencia e insuficiencia de medios jur\u00eddicos que le permitan resistir la agresi\u00f3n o vulneraci\u00f3n de sus derechos fundamentales \u00a0 DERECHO A ESCOGER PROFESION U OFICIO-Alcance \u00a0 DERECHO A ESCOGER PROFESION U OFICIO-Relaci\u00f3n directa con el derecho al trabajo, al libre desarrollo de la personalidad y a la igualdad \u00a0 INSTITUCION PRESTADORA DE SERVICIOS DE SALUD-Potestad discrecional de ...<br \/><div class=\"pt-cv-rmwrap\"><a href=\"https:\/\/www.dmsjuridica.com\/buscador_20179478954\/corteconstitucionalcronologico202454587\/t-040-12\/\" class=\"_self pt-cv-readmore btn btn-success\" target=\"_self\">Ver Sentencia Completa...<\/a><\/div><\/div><\/div><\/div>\n<div class=\"col-md-12 col-sm-12 col-xs-12 pt-cv-content-item pt-cv-1-col\" ><div class='pt-cv-ifield'><a href=\"https:\/\/www.dmsjuridica.com\/buscador_20179478954\/corteconstitucionalcronologico202454587\/t-039-12\/\" class=\"_self pt-cv-href-thumbnail pt-cv-thumb-default\" target=\"_self\" ><\/a>\n<div class=\"pt-cv-taxoterm above_title\"><a href='https:\/\/www.dmsjuridica.com\/buscador_20179478954\/corteconstitucionalcronologico202454587\/category\/buscar-en-toda-la-corte\/2012\/tutelas-2012\/' title='Tutelas 2012' class='pt-cv-tax-tutelas-2012'>Tutelas 2012<\/a><\/div>\n<h4 class=\"pt-cv-title\"><a href=\"https:\/\/www.dmsjuridica.com\/buscador_20179478954\/corteconstitucionalcronologico202454587\/t-039-12\/\" class=\"_self\" target=\"_self\" >T-039-12<\/a><\/h4>\n<div class=\"pt-cv-content\">\u00a0 \u00a0 Sentencia T-039\/12 \u00a0 ACCION DE TUTELA PARA RECONOCIMIENTO DE DERECHOS PENSIONALES-Procedencia excepcional \u00a0 La Corte ha establecido algunas excepciones cuando se niega espec\u00edficamente el reconocimiento y pago del derecho a la pensi\u00f3n o a la indemnizaci\u00f3n sustitutiva, por ejemplo: (i) Cuando el afectado sea un sujeto de especial protecci\u00f3n constitucional, (ii) cuando la vulneraci\u00f3n al derecho a la seguridad social implique un agravio a un derecho fundamental como la vida, el m\u00ednimo vital o el debido proceso, y (iii) cuando los medios de defensa con los cuales cuenta el accionante, se tornan ineficaces para lograr la protecci\u00f3n inmediata ...<br \/><div class=\"pt-cv-rmwrap\"><a href=\"https:\/\/www.dmsjuridica.com\/buscador_20179478954\/corteconstitucionalcronologico202454587\/t-039-12\/\" class=\"_self pt-cv-readmore btn btn-success\" target=\"_self\">Ver Sentencia Completa...<\/a><\/div><\/div><\/div><\/div>\n<div class=\"col-md-12 col-sm-12 col-xs-12 pt-cv-content-item pt-cv-1-col\" ><div class='pt-cv-ifield'><a href=\"https:\/\/www.dmsjuridica.com\/buscador_20179478954\/corteconstitucionalcronologico202454587\/t-038-12\/\" class=\"_self pt-cv-href-thumbnail pt-cv-thumb-default\" target=\"_self\" ><\/a>\n<div class=\"pt-cv-taxoterm above_title\"><a href='https:\/\/www.dmsjuridica.com\/buscador_20179478954\/corteconstitucionalcronologico202454587\/category\/buscar-en-toda-la-corte\/2012\/tutelas-2012\/' title='Tutelas 2012' class='pt-cv-tax-tutelas-2012'>Tutelas 2012<\/a><\/div>\n<h4 class=\"pt-cv-title\"><a href=\"https:\/\/www.dmsjuridica.com\/buscador_20179478954\/corteconstitucionalcronologico202454587\/t-038-12\/\" class=\"_self\" target=\"_self\" >T-038-12<\/a><\/h4>\n<div class=\"pt-cv-content\">\u00a0 \u00a0 Sentencia T-038\/12 \u00a0 ESTABLECIMIENTO DE EDAD DE RETIRO FORZOSO-No vulnera, en principio, el derecho fundamental al m\u00ednimo vital de los docentes \u00a0 La causal de desvinculaci\u00f3n de un docente por haber cumplido la edad de retiro forzoso es constitucional, pero al momento de su aplicaci\u00f3n, las entidades p\u00fablicas deben considerar las condiciones particulares de cada persona para evitar que el retiro del servicio implique una vulneraci\u00f3n a sus derechos fundamentales, especialmente de su derechos al m\u00ednimo vital, ya que en aquellos eventos en los que la remuneraci\u00f3n por el ejercicio de sus funciones constituye su \u00fanica fuente de ...<br \/><div class=\"pt-cv-rmwrap\"><a href=\"https:\/\/www.dmsjuridica.com\/buscador_20179478954\/corteconstitucionalcronologico202454587\/t-038-12\/\" class=\"_self pt-cv-readmore btn btn-success\" target=\"_self\">Ver Sentencia Completa...<\/a><\/div><\/div><\/div><\/div>\n<div class=\"col-md-12 col-sm-12 col-xs-12 pt-cv-content-item pt-cv-1-col\" ><div class='pt-cv-ifield'><a href=\"https:\/\/www.dmsjuridica.com\/buscador_20179478954\/corteconstitucionalcronologico202454587\/t-037-12\/\" class=\"_self pt-cv-href-thumbnail pt-cv-thumb-default\" target=\"_self\" ><\/a>\n<div class=\"pt-cv-taxoterm above_title\"><a href='https:\/\/www.dmsjuridica.com\/buscador_20179478954\/corteconstitucionalcronologico202454587\/category\/buscar-en-toda-la-corte\/2012\/tutelas-2012\/' title='Tutelas 2012' class='pt-cv-tax-tutelas-2012'>Tutelas 2012<\/a><\/div>\n<h4 class=\"pt-cv-title\"><a href=\"https:\/\/www.dmsjuridica.com\/buscador_20179478954\/corteconstitucionalcronologico202454587\/t-037-12\/\" class=\"_self\" target=\"_self\" >T-037-12<\/a><\/h4>\n<div class=\"pt-cv-content\">\u00a0 \u00a0 Sentencia T-037\/12 \u00a0 DERECHO A LA EDUCACION Y DERECHO DE LAS INSTITUCIONES A EXIGIR EL PAGO POR LOS SERVICIOS QUE PRESTAN\u00a0 \u00a0 DERECHO A LA EDUCACION-Importancia\/DERECHO A LA EDUCACION-Ambito de protecci\u00f3n\/DERECHO A LA EDUCACION-Servicio p\u00fablico y funci\u00f3n social \u00a0 La educaci\u00f3n es (i) de vital importancia para las sociedades por su relaci\u00f3n con la erradicaci\u00f3n de la pobreza, el desarrollo humano y la construcci\u00f3n de una sociedad democr\u00e1tica; (ii) es adem\u00e1s una herramienta necesaria para hacer efectivo el mandato de igualdad del art\u00edculo 13 superior, en tanto potencia la igualdad de oportunidades; (iii) es un instrumento que permite ...<br \/><div class=\"pt-cv-rmwrap\"><a href=\"https:\/\/www.dmsjuridica.com\/buscador_20179478954\/corteconstitucionalcronologico202454587\/t-037-12\/\" class=\"_self pt-cv-readmore btn btn-success\" target=\"_self\">Ver Sentencia Completa...<\/a><\/div><\/div><\/div><\/div>\n<div class=\"col-md-12 col-sm-12 col-xs-12 pt-cv-content-item pt-cv-1-col\" ><div class='pt-cv-ifield'><a href=\"https:\/\/www.dmsjuridica.com\/buscador_20179478954\/corteconstitucionalcronologico202454587\/t-036-12\/\" class=\"_self pt-cv-href-thumbnail pt-cv-thumb-default\" target=\"_self\" ><\/a>\n<div class=\"pt-cv-taxoterm above_title\"><a href='https:\/\/www.dmsjuridica.com\/buscador_20179478954\/corteconstitucionalcronologico202454587\/category\/buscar-en-toda-la-corte\/2012\/tutelas-2012\/' title='Tutelas 2012' class='pt-cv-tax-tutelas-2012'>Tutelas 2012<\/a><\/div>\n<h4 class=\"pt-cv-title\"><a href=\"https:\/\/www.dmsjuridica.com\/buscador_20179478954\/corteconstitucionalcronologico202454587\/t-036-12\/\" class=\"_self\" target=\"_self\" >T-036-12<\/a><\/h4>\n<div class=\"pt-cv-content\">\u00a0 \u00a0 Sentencia T-036\/12 \u00a0 ACCION DE TUTELA PARA LA PROTECCION DE LOS DERECHOS FUNDAMENTALES DE LA POBLACION DESPLAZADA-Procedencia\u00a0 \u00a0 Esta corporaci\u00f3n, teniendo en cuenta la especial vulnerabilidad de la poblaci\u00f3n desplazada, ha establecido que la tutela es procedente para el efectivo reconocimiento de sus derechos, resultando el amparo constitucional id\u00f3neo, expedito y eficaz para el restablecimiento de lo invocado, trat\u00e1ndose adem\u00e1s en este caso de una desplazada cabeza de hogar. \u00a0 MUJERES DESPLAZADAS POR EL CONFLICTO ARMADO-Sujetos de especial protecci\u00f3n constitucional \u00a0 DESPLAZAMIENTO FORZADO-Presunci\u00f3n constitucional para prorroga autom\u00e1tica de la ayuda humanitaria de emergencia a favor de las mujeres ...<br \/><div class=\"pt-cv-rmwrap\"><a href=\"https:\/\/www.dmsjuridica.com\/buscador_20179478954\/corteconstitucionalcronologico202454587\/t-036-12\/\" class=\"_self pt-cv-readmore btn btn-success\" target=\"_self\">Ver Sentencia Completa...<\/a><\/div><\/div><\/div><\/div>\n<div class=\"col-md-12 col-sm-12 col-xs-12 pt-cv-content-item pt-cv-1-col\" ><div class='pt-cv-ifield'><a href=\"https:\/\/www.dmsjuridica.com\/buscador_20179478954\/corteconstitucionalcronologico202454587\/t-035-12\/\" class=\"_self pt-cv-href-thumbnail pt-cv-thumb-default\" target=\"_self\" ><\/a>\n<div class=\"pt-cv-taxoterm above_title\"><a href='https:\/\/www.dmsjuridica.com\/buscador_20179478954\/corteconstitucionalcronologico202454587\/category\/buscar-en-toda-la-corte\/2012\/tutelas-2012\/' title='Tutelas 2012' class='pt-cv-tax-tutelas-2012'>Tutelas 2012<\/a><\/div>\n<h4 class=\"pt-cv-title\"><a href=\"https:\/\/www.dmsjuridica.com\/buscador_20179478954\/corteconstitucionalcronologico202454587\/t-035-12\/\" class=\"_self\" target=\"_self\" >T-035-12<\/a><\/h4>\n<div class=\"pt-cv-content\">\u00a0 \u00a0 Sentencia T-035\/12 \u00a0 PROTECCION CONSTITUCIONAL REFORZADA-Especial situaci\u00f3n de los miembros de la fuerza p\u00fablica \u00a0 MIEMBROS DE LA FUERZA PUBLICA-R\u00e9gimen jur\u00eddico aplicable en materia de pensi\u00f3n\u00a0 \u00a0 POLICIA NACIONAL-Ambito de aplicaci\u00f3n pensional del r\u00e9gimen prestacional \u00a0 ACCION DE TUTELA-Procedencia excepcional para el reconocimiento y pago de pensiones\u00a0 \u00a0 PERSONA CON DISCAPACIDAD COMO SUJETO DE ESPECIAL PROTECCION CONSTITUCIONAL-Reglas importantes en el an\u00e1lisis de la procedencia de la acci\u00f3n de tutela\u00a0 \u00a0 En este sentido se ha establecido que:\u2026 \u00a0las pruebas deben permitir establecer dos reglas importantes en el an\u00e1lisis de la procedencia de la acci\u00f3n de tutela. La primera, ...<br \/><div class=\"pt-cv-rmwrap\"><a href=\"https:\/\/www.dmsjuridica.com\/buscador_20179478954\/corteconstitucionalcronologico202454587\/t-035-12\/\" class=\"_self pt-cv-readmore btn btn-success\" target=\"_self\">Ver Sentencia Completa...<\/a><\/div><\/div><\/div><\/div>\n<div class=\"col-md-12 col-sm-12 col-xs-12 pt-cv-content-item pt-cv-1-col\" ><div class='pt-cv-ifield'><a href=\"https:\/\/www.dmsjuridica.com\/buscador_20179478954\/corteconstitucionalcronologico202454587\/t-034-12\/\" class=\"_self pt-cv-href-thumbnail pt-cv-thumb-default\" target=\"_self\" ><\/a>\n<div class=\"pt-cv-taxoterm above_title\"><a href='https:\/\/www.dmsjuridica.com\/buscador_20179478954\/corteconstitucionalcronologico202454587\/category\/buscar-en-toda-la-corte\/2012\/tutelas-2012\/' title='Tutelas 2012' class='pt-cv-tax-tutelas-2012'>Tutelas 2012<\/a><\/div>\n<h4 class=\"pt-cv-title\"><a href=\"https:\/\/www.dmsjuridica.com\/buscador_20179478954\/corteconstitucionalcronologico202454587\/t-034-12\/\" class=\"_self\" target=\"_self\" >T-034-12<\/a><\/h4>\n<div class=\"pt-cv-content\">\u00a0 \u00a0 Sentencia T-034\/12 \u00a0 ACCION DE TUTELA-Car\u00e1cter subsidiario \u00a0 JUEZ DE TUTELA-Debe analizar las circunstancias de cada caso y constatarlas con las pruebas obrantes en el expediente, para no hacer nugatorio el acceso a la administraci\u00f3n de justicia \u00a0 DERECHO A LA SALUD-Protecci\u00f3n mediante acci\u00f3n de tutela \u00a0 DERECHO A LA SALUD-Fundamental aut\u00f3nomo \u00a0 Se concluye que el derecho a la salud, como bien jur\u00eddico amparado por el texto constitucional y los tratados internacionales, permite su configuraci\u00f3n como un derecho fundamental aut\u00f3nomo y como una garant\u00eda que protege m\u00faltiples \u00e1mbitos de la vida humana, que pueden ser protegidos a ...<br \/><div class=\"pt-cv-rmwrap\"><a href=\"https:\/\/www.dmsjuridica.com\/buscador_20179478954\/corteconstitucionalcronologico202454587\/t-034-12\/\" class=\"_self pt-cv-readmore btn btn-success\" target=\"_self\">Ver Sentencia Completa...<\/a><\/div><\/div><\/div><\/div>\n<div class=\"col-md-12 col-sm-12 col-xs-12 pt-cv-content-item pt-cv-1-col\" ><div class='pt-cv-ifield'><a href=\"https:\/\/www.dmsjuridica.com\/buscador_20179478954\/corteconstitucionalcronologico202454587\/t-033-12\/\" class=\"_self pt-cv-href-thumbnail pt-cv-thumb-default\" target=\"_self\" ><\/a>\n<div class=\"pt-cv-taxoterm above_title\"><a href='https:\/\/www.dmsjuridica.com\/buscador_20179478954\/corteconstitucionalcronologico202454587\/category\/buscar-en-toda-la-corte\/2012\/tutelas-2012\/' title='Tutelas 2012' class='pt-cv-tax-tutelas-2012'>Tutelas 2012<\/a><\/div>\n<h4 class=\"pt-cv-title\"><a href=\"https:\/\/www.dmsjuridica.com\/buscador_20179478954\/corteconstitucionalcronologico202454587\/t-033-12\/\" class=\"_self\" target=\"_self\" >T-033-12<\/a><\/h4>\n<div class=\"pt-cv-content\">\u00a0 \u00a0 Sentencia T-033\/12 \u00a0 ACCION DE TUTELA PARA LA PROTECCION DE LOS DERECHOS FUNDAMENTALES DE LA POBLACION DESPLAZADA-Procedencia \u00a0 ATENCION HUMANITARIA DE EMERGENCIA PARA DESPLAZADOS-Pr\u00f3rroga \u00a0 AYUDA HUMANITARIA DE EMERGENCIA-Es una de las medidas que debe adoptar el Estado dirigidas a garantizar los derechos de la poblaci\u00f3n desplazada, en particular el derecho al m\u00ednimo vital \u00a0 PRORROGA DE AYUDA HUMANITARIA-Naturaleza \u00a0 La pr\u00f3rroga de la ayuda humanitaria de emergencia deber\u00e1 ser otorgada siempre que la entidad encargada para ello compruebe que persisten las circunstancias de vulnerabilidad, marginalidad e indefensi\u00f3n de las personas desplazadas \u00a0 \u00a0 \u00a0 POBLACION DESPLAZADA-Reiteraci\u00f3n de ...<br \/><div class=\"pt-cv-rmwrap\"><a href=\"https:\/\/www.dmsjuridica.com\/buscador_20179478954\/corteconstitucionalcronologico202454587\/t-033-12\/\" class=\"_self pt-cv-readmore btn btn-success\" target=\"_self\">Ver Sentencia Completa...<\/a><\/div><\/div><\/div><\/div>\n<div class=\"col-md-12 col-sm-12 col-xs-12 pt-cv-content-item pt-cv-1-col\" ><div class='pt-cv-ifield'><a href=\"https:\/\/www.dmsjuridica.com\/buscador_20179478954\/corteconstitucionalcronologico202454587\/t-032-12\/\" class=\"_self pt-cv-href-thumbnail pt-cv-thumb-default\" target=\"_self\" ><\/a>\n<div class=\"pt-cv-taxoterm above_title\"><a href='https:\/\/www.dmsjuridica.com\/buscador_20179478954\/corteconstitucionalcronologico202454587\/category\/buscar-en-toda-la-corte\/2012\/tutelas-2012\/' title='Tutelas 2012' class='pt-cv-tax-tutelas-2012'>Tutelas 2012<\/a><\/div>\n<h4 class=\"pt-cv-title\"><a href=\"https:\/\/www.dmsjuridica.com\/buscador_20179478954\/corteconstitucionalcronologico202454587\/t-032-12\/\" class=\"_self\" target=\"_self\" >T-032-12<\/a><\/h4>\n<div class=\"pt-cv-content\">\u00a0 \u00a0 Sentencia T-032\/12 \u00a0 ACCION DE TUTELA CONTRA EL INSTITUTO DE SEGUROS SOCIALES-Reconocimiento y pago de la pensi\u00f3n de invalidez \u00a0 DERECHO FUNDAMENTAL A LA SEGURIDAD SOCIAL EN PENSIONES Y LA IMPORTANCIA DE LA PENSION DE INVALIDEZ\u00a0 \u00a0 DERECHO A LA SEGURIDAD SOCIAL Y BLOQUE DE CONSTITUCIONALIDAD-La interpretaci\u00f3n del derecho a la seguridad social deber\u00e1 ser realizada de conformidad con los tratados internacionales sobre derechos humanos ratificados por Colombia \u00a0 DERECHO A LA SEGURIDAD SOCIAL-En la medida en que es de importancia fundamental para garantizar a todas las personas su dignidad humana es un verdadero derecho fundamental \u00a0 El ...<br \/><div class=\"pt-cv-rmwrap\"><a href=\"https:\/\/www.dmsjuridica.com\/buscador_20179478954\/corteconstitucionalcronologico202454587\/t-032-12\/\" class=\"_self pt-cv-readmore btn btn-success\" target=\"_self\">Ver Sentencia Completa...<\/a><\/div><\/div><\/div><\/div>\n<div class=\"col-md-12 col-sm-12 col-xs-12 pt-cv-content-item pt-cv-1-col\" ><div class='pt-cv-ifield'><a href=\"https:\/\/www.dmsjuridica.com\/buscador_20179478954\/corteconstitucionalcronologico202454587\/t-029-12\/\" class=\"_self pt-cv-href-thumbnail pt-cv-thumb-default\" target=\"_self\" ><\/a>\n<div class=\"pt-cv-taxoterm above_title\"><a href='https:\/\/www.dmsjuridica.com\/buscador_20179478954\/corteconstitucionalcronologico202454587\/category\/buscar-en-toda-la-corte\/2012\/tutelas-2012\/' title='Tutelas 2012' class='pt-cv-tax-tutelas-2012'>Tutelas 2012<\/a><\/div>\n<h4 class=\"pt-cv-title\"><a href=\"https:\/\/www.dmsjuridica.com\/buscador_20179478954\/corteconstitucionalcronologico202454587\/t-029-12\/\" class=\"_self\" target=\"_self\" >T-029-12<\/a><\/h4>\n<div class=\"pt-cv-content\">\u00a0 \u00a0 Sentencia T-029\/12\u00a0 \u00a0 DERECHO A LA VIVIENDA DIGNA Y AMPARO POR TUTELA-Supuestos en los cuales procede \u00a0 Se ha concluido que el juez constitucional s\u00f3lo ha de intervenir cuando no existan otros mecanismos de protecci\u00f3n, \u00e9stos resulten insuficientes, o ante la inexistencia o deficiencia del desarrollo legal o reglamentario sea necesaria la intervenci\u00f3n del juez para garantizar la igualdad real y efectiva del accionante, especialmente cuando \u00e9ste est\u00e1 en una situaci\u00f3n de debilidad manifiesta, y que por tanto sea claro que la persona carezca de medios indispensables para hacer viable la realizaci\u00f3n de su proyecto de vida con ...<br \/><div class=\"pt-cv-rmwrap\"><a href=\"https:\/\/www.dmsjuridica.com\/buscador_20179478954\/corteconstitucionalcronologico202454587\/t-029-12\/\" class=\"_self pt-cv-readmore btn btn-success\" target=\"_self\">Ver Sentencia Completa...<\/a><\/div><\/div><\/div><\/div>\n<div class=\"col-md-12 col-sm-12 col-xs-12 pt-cv-content-item pt-cv-1-col\" ><div class='pt-cv-ifield'><a href=\"https:\/\/www.dmsjuridica.com\/buscador_20179478954\/corteconstitucionalcronologico202454587\/t-028-12\/\" class=\"_self pt-cv-href-thumbnail pt-cv-thumb-default\" target=\"_self\" ><\/a>\n<div class=\"pt-cv-taxoterm above_title\"><a href='https:\/\/www.dmsjuridica.com\/buscador_20179478954\/corteconstitucionalcronologico202454587\/category\/buscar-en-toda-la-corte\/2012\/tutelas-2012\/' title='Tutelas 2012' class='pt-cv-tax-tutelas-2012'>Tutelas 2012<\/a><\/div>\n<h4 class=\"pt-cv-title\"><a href=\"https:\/\/www.dmsjuridica.com\/buscador_20179478954\/corteconstitucionalcronologico202454587\/t-028-12\/\" class=\"_self\" target=\"_self\" >T-028-12<\/a><\/h4>\n<div class=\"pt-cv-content\">\u00a0 \u00a0 Sentencia T-028\/12 \u00a0 ACCION DE TUTELA CONTRA PROVIDENCIAS JUDICIALES-Reiteraci\u00f3n de jurisprudencia \u00a0 CARACTERIZACION DEL DEFECTO POR DESCONOCIMIENTO DEL PRECEDENTE JUDICIAL \u00a0 INCONSTITUCIONALIDAD DEL REQUISITO DE FIDELIDAD CONSAGRADO EN EL ARTICULO 12 DE LA LEY 797\/03 \u00a0 DESCONOCIMIENTO DEL PRECEDENTE CONSTITUCIONAL- Inaplicaci\u00f3n del presupuesto fidelidad de cotizaci\u00f3n para con el sistema que estaba previsto en el art\u00edculo 12 de la Ley 797\/03 \u00a0 \u00a0 \u00a0 \u00a0 \u00a0 \u00a0 PENSION DE SOBREVIVIENTES Y REQUISITO DE FIDELIDAD-Orden al Tribunal de dictar un nuevo fallo en el que siga estrictamente el precedente constitucional sobre fidelidad para con el Sistema \u00a0 Seg\u00fan se ...<br \/><div class=\"pt-cv-rmwrap\"><a href=\"https:\/\/www.dmsjuridica.com\/buscador_20179478954\/corteconstitucionalcronologico202454587\/t-028-12\/\" class=\"_self pt-cv-readmore btn btn-success\" target=\"_self\">Ver Sentencia Completa...<\/a><\/div><\/div><\/div><\/div>\n<div class=\"col-md-12 col-sm-12 col-xs-12 pt-cv-content-item pt-cv-1-col\" ><div class='pt-cv-ifield'><a href=\"https:\/\/www.dmsjuridica.com\/buscador_20179478954\/corteconstitucionalcronologico202454587\/t-024-12\/\" class=\"_self pt-cv-href-thumbnail pt-cv-thumb-default\" target=\"_self\" ><\/a>\n<div class=\"pt-cv-taxoterm above_title\"><a href='https:\/\/www.dmsjuridica.com\/buscador_20179478954\/corteconstitucionalcronologico202454587\/category\/buscar-en-toda-la-corte\/2012\/tutelas-2012\/' title='Tutelas 2012' class='pt-cv-tax-tutelas-2012'>Tutelas 2012<\/a><\/div>\n<h4 class=\"pt-cv-title\"><a href=\"https:\/\/www.dmsjuridica.com\/buscador_20179478954\/corteconstitucionalcronologico202454587\/t-024-12\/\" class=\"_self\" target=\"_self\" >T-024-12<\/a><\/h4>\n<div class=\"pt-cv-content\">\u00a0 \u00a0 Sentencia T-024\/12 \u00a0 (Bogot\u00e1 D.C, enero 24 de 2012) \u00a0 DERECHO A LA PENSION DE INVALIDEZ Y CALIFICACION DE LA INVALIDEZ\/PENSION DE INVALIDEZ-Determinaci\u00f3n de la fecha de estructuraci\u00f3n de la invalidez\/ACTO DE CALIFICACION DE INVALIDEZ-Caso en que se presenta insuficiente motivaci\u00f3n \u00a0 Referencia: expediente T-3.186.136 \u00a0 \u00a0\u00a0 \u00a0 \u00a0 \u00a0 Fallos de tutela objeto de revisi\u00f3n: Sentencia del Juzgado Veintisiete Civil del Circuito de Bogot\u00e1, del veintisiete (27) de julio de dos mil once (2011), confirmatoria del fallo del Juzgado Veinte Civil Municipal de Bogot\u00e1, del 17 de junio de 2011, que neg\u00f3 el amparo constitucional \u00a0 \u00a0\u00a0 ...<br \/><div class=\"pt-cv-rmwrap\"><a href=\"https:\/\/www.dmsjuridica.com\/buscador_20179478954\/corteconstitucionalcronologico202454587\/t-024-12\/\" class=\"_self pt-cv-readmore btn btn-success\" target=\"_self\">Ver Sentencia Completa...<\/a><\/div><\/div><\/div><\/div>\n<div class=\"col-md-12 col-sm-12 col-xs-12 pt-cv-content-item pt-cv-1-col\" ><div class='pt-cv-ifield'><a href=\"https:\/\/www.dmsjuridica.com\/buscador_20179478954\/corteconstitucionalcronologico202454587\/t-023-12\/\" class=\"_self pt-cv-href-thumbnail pt-cv-thumb-default\" target=\"_self\" ><\/a>\n<div class=\"pt-cv-taxoterm above_title\"><a href='https:\/\/www.dmsjuridica.com\/buscador_20179478954\/corteconstitucionalcronologico202454587\/category\/buscar-en-toda-la-corte\/2012\/tutelas-2012\/' title='Tutelas 2012' class='pt-cv-tax-tutelas-2012'>Tutelas 2012<\/a><\/div>\n<h4 class=\"pt-cv-title\"><a href=\"https:\/\/www.dmsjuridica.com\/buscador_20179478954\/corteconstitucionalcronologico202454587\/t-023-12\/\" class=\"_self\" target=\"_self\" >T-023-12<\/a><\/h4>\n<div class=\"pt-cv-content\">\u00a0 \u00a0 Sentencia T-023\/12 \u00a0 ACCION DE TUTELA CONTRA PROVIDENCIAS JUDICIALES-Reiteraci\u00f3n de jurisprudencia\u00a0 \u00a0 ACCION DE TUTELA CONTRA PROVIDENCIAS JUDICIALES-Requisitos generales de procedibilidad \u00a0 ACCION DE TUTELA CONTRA PROVIDENCIAS JUDICIALES-Requisitos especiales de procedibilidad\u00a0 \u00a0 DEFECTO SUSTANTIVO COMO CAUSAL ESPECIFICA DE PROCEDIBILIDAD DE LA ACCION DE TUTELA CONTRA PROVIDENCIAS JUDICIALES \u00a0 CONSTITUCIONALIDAD DE LA CONCILIACION PREJUDICIAL EN LA JURISDICCION DE LO CONTENCIOSO ADMINISTRATIVO \u00a0 Es de resaltar que el instituto de la conciliaci\u00f3n judicial y extrajudicial, en especial como requisito de procedibilidad, han sido objeto de diversos pronunciamientos constitucionales y, en ellos, esta Corporaci\u00f3n ha concluido que la conciliaci\u00f3n, como requisito ...<br \/><div class=\"pt-cv-rmwrap\"><a href=\"https:\/\/www.dmsjuridica.com\/buscador_20179478954\/corteconstitucionalcronologico202454587\/t-023-12\/\" class=\"_self pt-cv-readmore btn btn-success\" target=\"_self\">Ver Sentencia Completa...<\/a><\/div><\/div><\/div><\/div>\n<div class=\"col-md-12 col-sm-12 col-xs-12 pt-cv-content-item pt-cv-1-col\" ><div class='pt-cv-ifield'><a href=\"https:\/\/www.dmsjuridica.com\/buscador_20179478954\/corteconstitucionalcronologico202454587\/t-022-12\/\" class=\"_self pt-cv-href-thumbnail pt-cv-thumb-default\" target=\"_self\" ><\/a>\n<div class=\"pt-cv-taxoterm above_title\"><a href='https:\/\/www.dmsjuridica.com\/buscador_20179478954\/corteconstitucionalcronologico202454587\/category\/buscar-en-toda-la-corte\/2012\/tutelas-2012\/' title='Tutelas 2012' class='pt-cv-tax-tutelas-2012'>Tutelas 2012<\/a><\/div>\n<h4 class=\"pt-cv-title\"><a href=\"https:\/\/www.dmsjuridica.com\/buscador_20179478954\/corteconstitucionalcronologico202454587\/t-022-12\/\" class=\"_self\" target=\"_self\" >T-022-12<\/a><\/h4>\n<div class=\"pt-cv-content\">\u00a0 \u00a0 Sentencia T-022\/12 \u00a0 DERECHO A LA EDUCACION Y SU AMPARO POR TUTELA-Caso en que se pide realizaci\u00f3n de obras de adecuaci\u00f3n y mejoramiento de la infraestructura del colegio o su reubicaci\u00f3n\u00a0 \u00a0 DERECHOS FUNDAMENTALES DE LOS NI\u00d1OS Y SU PROTECCION CONSTITUCIONAL \u00a0 ACCION DE TUTELA Y CARENCIA ACTUAL DE OBJETO POR HECHO SUPERADO-Caso en que mediante otra sentencia se concedi\u00f3 lo solicitado en la demanda \u00a0 Al encontrarse satisfecha la pretensi\u00f3n formulada en sede de tutela, la probable vulneraci\u00f3n de los derechos fundamentales de los estudiantes, docentes y funcionarios de la Instituci\u00f3n Educativa Departamental \u201cEnrique Pardo Parra\u201d, ha ...<br \/><div class=\"pt-cv-rmwrap\"><a href=\"https:\/\/www.dmsjuridica.com\/buscador_20179478954\/corteconstitucionalcronologico202454587\/t-022-12\/\" class=\"_self pt-cv-readmore btn btn-success\" target=\"_self\">Ver Sentencia Completa...<\/a><\/div><\/div><\/div><\/div>\n<div class=\"col-md-12 col-sm-12 col-xs-12 pt-cv-content-item pt-cv-1-col\" ><div class='pt-cv-ifield'><a href=\"https:\/\/www.dmsjuridica.com\/buscador_20179478954\/corteconstitucionalcronologico202454587\/t-021-12\/\" class=\"_self pt-cv-href-thumbnail pt-cv-thumb-default\" target=\"_self\" ><\/a>\n<div class=\"pt-cv-taxoterm above_title\"><a href='https:\/\/www.dmsjuridica.com\/buscador_20179478954\/corteconstitucionalcronologico202454587\/category\/buscar-en-toda-la-corte\/2012\/tutelas-2012\/' title='Tutelas 2012' class='pt-cv-tax-tutelas-2012'>Tutelas 2012<\/a><\/div>\n<h4 class=\"pt-cv-title\"><a href=\"https:\/\/www.dmsjuridica.com\/buscador_20179478954\/corteconstitucionalcronologico202454587\/t-021-12\/\" class=\"_self\" target=\"_self\" >T-021-12<\/a><\/h4>\n<div class=\"pt-cv-content\">\u00a0 \u00a0 Sentencia T-021\/12 \u00a0 DERECHO FUNDAMENTAL A LA SALUD DE LOS NI\u00d1OS Y PROTECCION POR MEDIO DE LA ACCION DE TUTELA-Reiteraci\u00f3n de jurisprudencia \u00a0 DERECHO FUNDAMENTAL A LA SALUD DE LOS NI\u00d1OS-Servicio de transporte como medio especial para hacer efectivo el acceso a los servicios m\u00e9dicos en un lugar distinto a la residencia del paciente \u00a0 EXONERACION DE COPAGOS EN EL REGIMEN SUBSIDIADO-Reiteraci\u00f3n de jurisprudencia \u00a0 Referencia: expedientes acumulados \u00a0 T-3.188.646 y T-3.190.559 \u00a0 Demandantes: \u00a0 Stella Patricia Nieto Rodr\u00edguez y Marino Alarc\u00f3n\u00a0 \u00a0 Demandados:\u00a0 \u00a0 Caprecom EPS-S y Coomeva EPS \u00a0 Magistrado Ponente: \u00a0 GABRIEL EDUARDO MENDOZA MARTELO ...<br \/><div class=\"pt-cv-rmwrap\"><a href=\"https:\/\/www.dmsjuridica.com\/buscador_20179478954\/corteconstitucionalcronologico202454587\/t-021-12\/\" class=\"_self pt-cv-readmore btn btn-success\" target=\"_self\">Ver Sentencia Completa...<\/a><\/div><\/div><\/div><\/div>\n<div class=\"col-md-12 col-sm-12 col-xs-12 pt-cv-content-item pt-cv-1-col\" ><div class='pt-cv-ifield'><a href=\"https:\/\/www.dmsjuridica.com\/buscador_20179478954\/corteconstitucionalcronologico202454587\/t-020-12\/\" class=\"_self pt-cv-href-thumbnail pt-cv-thumb-default\" target=\"_self\" ><\/a>\n<div class=\"pt-cv-taxoterm above_title\"><a href='https:\/\/www.dmsjuridica.com\/buscador_20179478954\/corteconstitucionalcronologico202454587\/category\/buscar-en-toda-la-corte\/2012\/tutelas-2012\/' title='Tutelas 2012' class='pt-cv-tax-tutelas-2012'>Tutelas 2012<\/a><\/div>\n<h4 class=\"pt-cv-title\"><a href=\"https:\/\/www.dmsjuridica.com\/buscador_20179478954\/corteconstitucionalcronologico202454587\/t-020-12\/\" class=\"_self\" target=\"_self\" >T-020-12<\/a><\/h4>\n<div class=\"pt-cv-content\">\u00a0 \u00a0 Sentencia T-020\/12 \u00a0 ACCION DE TUTELA CONTRA ORGANISMOS INTERNACIONALES-Procede excepcionalmente cuando la inmunidad de jurisdicci\u00f3n es relativa o restringida\/ACCION DE TUTELA CONTRA EMBAJADA DEL REINO DE LOS PAISES BAJOS Y EL ISS-Caso en que no existe vulneraci\u00f3n de los derechos invocados \u00a0 Los representantes de Estados extranjeros, cuando ejecutan actos iure gestionis, para el caso cuando fungen como empleadores dentro del territorio nacional, tiene inmunidad relativa o restringida, dando cabida a los mecanismos jurisdiccionales, entre ellos la acci\u00f3n de amparo, para proteger garant\u00edas fundamentales que est\u00e9n siendo desconocidas. El actor asever\u00f3 que la Embajada desconoci\u00f3 sus derechos a ...<br \/><div class=\"pt-cv-rmwrap\"><a href=\"https:\/\/www.dmsjuridica.com\/buscador_20179478954\/corteconstitucionalcronologico202454587\/t-020-12\/\" class=\"_self pt-cv-readmore btn btn-success\" target=\"_self\">Ver Sentencia Completa...<\/a><\/div><\/div><\/div><\/div>\n<div class=\"col-md-12 col-sm-12 col-xs-12 pt-cv-content-item pt-cv-1-col\" ><div class='pt-cv-ifield'><a href=\"https:\/\/www.dmsjuridica.com\/buscador_20179478954\/corteconstitucionalcronologico202454587\/t-019-12\/\" class=\"_self pt-cv-href-thumbnail pt-cv-thumb-default\" target=\"_self\" ><\/a>\n<div class=\"pt-cv-taxoterm above_title\"><a href='https:\/\/www.dmsjuridica.com\/buscador_20179478954\/corteconstitucionalcronologico202454587\/category\/buscar-en-toda-la-corte\/2012\/tutelas-2012\/' title='Tutelas 2012' class='pt-cv-tax-tutelas-2012'>Tutelas 2012<\/a><\/div>\n<h4 class=\"pt-cv-title\"><a href=\"https:\/\/www.dmsjuridica.com\/buscador_20179478954\/corteconstitucionalcronologico202454587\/t-019-12\/\" class=\"_self\" target=\"_self\" >T-019-12<\/a><\/h4>\n<div class=\"pt-cv-content\">\u00a0 \u00a0 Sentencia T-019\/12 \u00a0 ACCION DE TUTELA PARA RECONOCIMIENTO Y PAGO DE PENSIONES-Elementos que la Corte Constitucional ha exigido que se acrediten \u00a0 Para la prosperidad material de la acci\u00f3n de tutela cuando con ella se intenta proteger un derecho de naturaleza pensional, la Corte Constitucional ha exigido la acreditaci\u00f3n de los siguientes elementos: (i) la existencia y titularidad del derecho reclamado, (ii) un grado importante de diligencia al momento de buscar la salvaguarda del derecho invocado, y (iii) la afectaci\u00f3n del m\u00ednimo vital como consecuencia de la negaci\u00f3n del derecho prestacional. Sobre este \u00faltimo punto la Corte ha ...<br \/><div class=\"pt-cv-rmwrap\"><a href=\"https:\/\/www.dmsjuridica.com\/buscador_20179478954\/corteconstitucionalcronologico202454587\/t-019-12\/\" class=\"_self pt-cv-readmore btn btn-success\" target=\"_self\">Ver Sentencia Completa...<\/a><\/div><\/div><\/div><\/div>\n<div class=\"col-md-12 col-sm-12 col-xs-12 pt-cv-content-item pt-cv-1-col\" ><div class='pt-cv-ifield'><a href=\"https:\/\/www.dmsjuridica.com\/buscador_20179478954\/corteconstitucionalcronologico202454587\/t-018-12\/\" class=\"_self pt-cv-href-thumbnail pt-cv-thumb-default\" target=\"_self\" ><\/a>\n<div class=\"pt-cv-taxoterm above_title\"><a href='https:\/\/www.dmsjuridica.com\/buscador_20179478954\/corteconstitucionalcronologico202454587\/category\/buscar-en-toda-la-corte\/2012\/tutelas-2012\/' title='Tutelas 2012' class='pt-cv-tax-tutelas-2012'>Tutelas 2012<\/a><\/div>\n<h4 class=\"pt-cv-title\"><a href=\"https:\/\/www.dmsjuridica.com\/buscador_20179478954\/corteconstitucionalcronologico202454587\/t-018-12\/\" class=\"_self\" target=\"_self\" >T-018-12<\/a><\/h4>\n<div class=\"pt-cv-content\">\u00a0 \u00a0 Sentencia T-018\/12 \u00a0 OBJECION DE CONCIENCIA FRENTE A LA PRESTACION DEL SERVICIO MILITAR OBLIGATORIO-Caso en que el demandante pertenece a la Iglesia Pentecostal Unida de Colombia \u00a0 El pleno de la Corte reconoci\u00f3 la existencia del derecho a objetar, por razones de conciencia, el deber de prestar servicio militar obligatorio. En efecto, la sentencia C-728 de 2009 cambi\u00f3 la postura de la jurisprudencia constitucional sobre la objeci\u00f3n de conciencia en el \u00e1mbito militar teniendo en cuenta, de una parte, que su protecci\u00f3n se encuentra avalada en la libertad de conciencia (Art. 18 de la C.P.) y la libertad ...<br \/><div class=\"pt-cv-rmwrap\"><a href=\"https:\/\/www.dmsjuridica.com\/buscador_20179478954\/corteconstitucionalcronologico202454587\/t-018-12\/\" class=\"_self pt-cv-readmore btn btn-success\" target=\"_self\">Ver Sentencia Completa...<\/a><\/div><\/div><\/div><\/div>\n<div class=\"col-md-12 col-sm-12 col-xs-12 pt-cv-content-item pt-cv-1-col\" ><div class='pt-cv-ifield'><a href=\"https:\/\/www.dmsjuridica.com\/buscador_20179478954\/corteconstitucionalcronologico202454587\/t-017-12\/\" class=\"_self pt-cv-href-thumbnail pt-cv-thumb-default\" target=\"_self\" ><\/a>\n<div class=\"pt-cv-taxoterm above_title\"><a href='https:\/\/www.dmsjuridica.com\/buscador_20179478954\/corteconstitucionalcronologico202454587\/category\/buscar-en-toda-la-corte\/2012\/tutelas-2012\/' title='Tutelas 2012' class='pt-cv-tax-tutelas-2012'>Tutelas 2012<\/a><\/div>\n<h4 class=\"pt-cv-title\"><a href=\"https:\/\/www.dmsjuridica.com\/buscador_20179478954\/corteconstitucionalcronologico202454587\/t-017-12\/\" class=\"_self\" target=\"_self\" >T-017-12<\/a><\/h4>\n<div class=\"pt-cv-content\">\u00a0 \u00a0 Sentencia T-017\/12 \u00a0 ACCION DE TUTELA CONTRA ACTOS ADMINISTRATIVOS QUE DESVINCULAN A EMPLEADOS PUBLICOS DE SUS CARGOS-Procedencia \u00a0 ESTABILIDAD LABORAL INTERMEDIA DE SERVIDORES PUBLICOS NOMBRADOS EN PROVISIONALIDAD QUE DESEMPE\u00d1AN CARGOS DE CARRERA ADMINISTRATIVA-Reiteraci\u00f3n de jurisprudencia \u00a0 En la sentencia T-245 de 2007, esta Corporaci\u00f3n, despu\u00e9s de analizar la jurisprudencia constitucional sobre la estabilidad laboral relativa de los funcionarios que ocupan cargos en provisionalidad, sostuvo que dicha garant\u00eda constitucional implica que, en caso de que un funcionario nombrado en provisionalidad vaya a ser despedido, debe mediar una justa causa que tenga como fundamento (i) la calificaci\u00f3n de desempe\u00f1o, (ii) ...<br \/><div class=\"pt-cv-rmwrap\"><a href=\"https:\/\/www.dmsjuridica.com\/buscador_20179478954\/corteconstitucionalcronologico202454587\/t-017-12\/\" class=\"_self pt-cv-readmore btn btn-success\" target=\"_self\">Ver Sentencia Completa...<\/a><\/div><\/div><\/div><\/div>\n<div class=\"col-md-12 col-sm-12 col-xs-12 pt-cv-content-item pt-cv-1-col\" ><div class='pt-cv-ifield'><a href=\"https:\/\/www.dmsjuridica.com\/buscador_20179478954\/corteconstitucionalcronologico202454587\/t-016-12\/\" class=\"_self pt-cv-href-thumbnail pt-cv-thumb-default\" target=\"_self\" ><\/a>\n<div class=\"pt-cv-taxoterm above_title\"><a href='https:\/\/www.dmsjuridica.com\/buscador_20179478954\/corteconstitucionalcronologico202454587\/category\/buscar-en-toda-la-corte\/2012\/tutelas-2012\/' title='Tutelas 2012' class='pt-cv-tax-tutelas-2012'>Tutelas 2012<\/a><\/div>\n<h4 class=\"pt-cv-title\"><a href=\"https:\/\/www.dmsjuridica.com\/buscador_20179478954\/corteconstitucionalcronologico202454587\/t-016-12\/\" class=\"_self\" target=\"_self\" >T-016-12<\/a><\/h4>\n<div class=\"pt-cv-content\">\u00a0 \u00a0 Sentencia T-016\/12 \u00a0 ACCION DE TUTELA CONTRA PROVIDENCIAS JUDICIALES-Caso en que resulta procedente frente a decisi\u00f3n de Tribunal que revoc\u00f3 en consulta de un desacato, una sanci\u00f3n impuesta al incidentado\/ACCION DE TUTELA CONTRA PROVIDENCIA QUE PONE FIN A UN INCIDENTE DE DESACATO-Adem\u00e1s de las causales gen\u00e9ricas deben cumplirse unos presupuestos adicionales \u00a0 Trat\u00e1ndose de una acci\u00f3n de tutela interpuesta contra una providencia que pone fin a un incidente de desacato, esta Corporaci\u00f3n ha sostenido que, adem\u00e1s de las causales gen\u00e9ricas, deben cumplirse unos presupuestos adicionales para la procedibilidad la acci\u00f3n: (i) que la decisi\u00f3n que resuelve el incidente ...<br \/><div class=\"pt-cv-rmwrap\"><a href=\"https:\/\/www.dmsjuridica.com\/buscador_20179478954\/corteconstitucionalcronologico202454587\/t-016-12\/\" class=\"_self pt-cv-readmore btn btn-success\" target=\"_self\">Ver Sentencia Completa...<\/a><\/div><\/div><\/div><\/div>\n<div class=\"col-md-12 col-sm-12 col-xs-12 pt-cv-content-item pt-cv-1-col\" ><div class='pt-cv-ifield'><a href=\"https:\/\/www.dmsjuridica.com\/buscador_20179478954\/corteconstitucionalcronologico202454587\/t-015-12\/\" class=\"_self pt-cv-href-thumbnail pt-cv-thumb-default\" target=\"_self\" ><\/a>\n<div class=\"pt-cv-taxoterm above_title\"><a href='https:\/\/www.dmsjuridica.com\/buscador_20179478954\/corteconstitucionalcronologico202454587\/category\/buscar-en-toda-la-corte\/2012\/tutelas-2012\/' title='Tutelas 2012' class='pt-cv-tax-tutelas-2012'>Tutelas 2012<\/a><\/div>\n<h4 class=\"pt-cv-title\"><a href=\"https:\/\/www.dmsjuridica.com\/buscador_20179478954\/corteconstitucionalcronologico202454587\/t-015-12\/\" class=\"_self\" target=\"_self\" >T-015-12<\/a><\/h4>\n<div class=\"pt-cv-content\">\u00a0 \u00a0 Sentencia T-015\/12 \u00a0 RESPONSABILIDAD CIVIL CONTRACTUAL POR SEGURO DE VIDA \u00a0 ACCION DE TUTELA CONTRA PROVIDENCIAS JUDICIALES-Reiteraci\u00f3n de jurisprudencia sobre procedencia excepcional \u00a0 ACCION DE TUTELA CONTRA PROVIDENCIAS JUDICIALES-Requisitos generales de procedibilidad \u00a0 EXCLUSION DE RESPONSABILIDAD POR PREEXISTENCIA ALEGADA POR ASEGURADORA DEMANDADA \u00a0 Una vez analizados los dos primeros argumentos que sirven de fundamento a la accionante para interponer la presente acci\u00f3n de tutela por vulnerar el derecho al debido proceso, esto es, (i) el pronunciamiento sobre la excepci\u00f3n propuesta por la parte demandada que hiciera el Tribunal en torno a la preexistencia en el contrato de seguro ...<br \/><div class=\"pt-cv-rmwrap\"><a href=\"https:\/\/www.dmsjuridica.com\/buscador_20179478954\/corteconstitucionalcronologico202454587\/t-015-12\/\" class=\"_self pt-cv-readmore btn btn-success\" target=\"_self\">Ver Sentencia Completa...<\/a><\/div><\/div><\/div><\/div>\n<div class=\"col-md-12 col-sm-12 col-xs-12 pt-cv-content-item pt-cv-1-col\" ><div class='pt-cv-ifield'><a href=\"https:\/\/www.dmsjuridica.com\/buscador_20179478954\/corteconstitucionalcronologico202454587\/t-014-12\/\" class=\"_self pt-cv-href-thumbnail pt-cv-thumb-default\" target=\"_self\" ><\/a>\n<div class=\"pt-cv-taxoterm above_title\"><a href='https:\/\/www.dmsjuridica.com\/buscador_20179478954\/corteconstitucionalcronologico202454587\/category\/buscar-en-toda-la-corte\/2012\/tutelas-2012\/' title='Tutelas 2012' class='pt-cv-tax-tutelas-2012'>Tutelas 2012<\/a><\/div>\n<h4 class=\"pt-cv-title\"><a href=\"https:\/\/www.dmsjuridica.com\/buscador_20179478954\/corteconstitucionalcronologico202454587\/t-014-12\/\" class=\"_self\" target=\"_self\" >T-014-12<\/a><\/h4>\n<div class=\"pt-cv-content\">\u00a0 \u00a0 Sentencia T-014\/12 \u00a0 ACCION DE TUTELA-Procedencia excepcional para solicitar la sustituci\u00f3n pensional \u00a0 SUJETO DE ESPECIAL PROTECCION CONSTITUCIONAL-Definici\u00f3n\u00a0 \u00a0 DERECHO A LA SEGURIDAD SOCIAL-Jurisprudencia\u00a0 \u00a0 DERECHO A LA SEGURIDAD SOCIAL-Resulta afectado ante la ausencia del reconocimiento de un derecho pensional \u00a0 ACCION DE TUTELA COMO MECANISMO TRANSITORIO-Exigencias para evitar un perjuicio irremediable\u00a0 \u00a0 RECONOCIMIENTO Y PAGO DE LA PENSION DE SOBREVIVIENTE EN HIJOS DISCAPACITADOS QUE DEPENDEN ECONOMICAMENTE DE SUS PADRES-Jurisprudencia constitucional\/RECONOCIMIENTO Y PAGO DE PENSION DE SOBREVIVIENTE EN HIJOS DISCAPACITADOS QUE DEPENDEN ECONOMICAMENTE DE SUS PADRES-Incidencia sobre la misma de la fecha de estructuraci\u00f3n de la invalidez \u00a0 ...<br \/><div class=\"pt-cv-rmwrap\"><a href=\"https:\/\/www.dmsjuridica.com\/buscador_20179478954\/corteconstitucionalcronologico202454587\/t-014-12\/\" class=\"_self pt-cv-readmore btn btn-success\" target=\"_self\">Ver Sentencia Completa...<\/a><\/div><\/div><\/div><\/div>\n<div class=\"col-md-12 col-sm-12 col-xs-12 pt-cv-content-item pt-cv-1-col\" ><div class='pt-cv-ifield'><a href=\"https:\/\/www.dmsjuridica.com\/buscador_20179478954\/corteconstitucionalcronologico202454587\/t-013-12\/\" class=\"_self pt-cv-href-thumbnail pt-cv-thumb-default\" target=\"_self\" ><\/a>\n<div class=\"pt-cv-taxoterm above_title\"><a href='https:\/\/www.dmsjuridica.com\/buscador_20179478954\/corteconstitucionalcronologico202454587\/category\/buscar-en-toda-la-corte\/2012\/tutelas-2012\/' title='Tutelas 2012' class='pt-cv-tax-tutelas-2012'>Tutelas 2012<\/a><\/div>\n<h4 class=\"pt-cv-title\"><a href=\"https:\/\/www.dmsjuridica.com\/buscador_20179478954\/corteconstitucionalcronologico202454587\/t-013-12\/\" class=\"_self\" target=\"_self\" >T-013-12<\/a><\/h4>\n<div class=\"pt-cv-content\">\u00a0 \u00a0 Sentencia T-013\/12 \u00a0 ACCION DE TUTELA PARA RESOLVER CONFLICTOS RELACIONADOS CON PRESTACIONES SOCIALES-Reiteraci\u00f3n de jurisprudencia sobre procedencia excepcional \u00a0 Salvo excepciones, la acci\u00f3n de tutela no resulta procesalmente viable para resolver controversias relacionadas con prestaciones sociales salvo que los medios judiciales existentes no resulten eficaces o id\u00f3neos para proteger los derechos de la persona, o porque se trate de evitar la consumaci\u00f3n de un perjuicio irremediable.\u00a0 \u00a0 SOLICITUD DE DEVOLUCION DE APORTES A PORVENIR-Caso en que la acci\u00f3n de tutela no resulta procesalmente viable\u00a0 \u00a0 Conforme a los hechos probados en el presente caso, la acci\u00f3n de tutela ...<br \/><div class=\"pt-cv-rmwrap\"><a href=\"https:\/\/www.dmsjuridica.com\/buscador_20179478954\/corteconstitucionalcronologico202454587\/t-013-12\/\" class=\"_self pt-cv-readmore btn btn-success\" target=\"_self\">Ver Sentencia Completa...<\/a><\/div><\/div><\/div><\/div>\n<div class=\"col-md-12 col-sm-12 col-xs-12 pt-cv-content-item pt-cv-1-col\" ><div class='pt-cv-ifield'><a href=\"https:\/\/www.dmsjuridica.com\/buscador_20179478954\/corteconstitucionalcronologico202454587\/t-012-12\/\" class=\"_self pt-cv-href-thumbnail pt-cv-thumb-default\" target=\"_self\" ><\/a>\n<div class=\"pt-cv-taxoterm above_title\"><a href='https:\/\/www.dmsjuridica.com\/buscador_20179478954\/corteconstitucionalcronologico202454587\/category\/buscar-en-toda-la-corte\/2012\/tutelas-2012\/' title='Tutelas 2012' class='pt-cv-tax-tutelas-2012'>Tutelas 2012<\/a><\/div>\n<h4 class=\"pt-cv-title\"><a href=\"https:\/\/www.dmsjuridica.com\/buscador_20179478954\/corteconstitucionalcronologico202454587\/t-012-12\/\" class=\"_self\" target=\"_self\" >T-012-12<\/a><\/h4>\n<div class=\"pt-cv-content\">\u00a0 \u00a0 Sentencia T-012\/12 \u00a0 ACCION DE TUTELA CONTRA PARTICULARES-Condiciones de subordinaci\u00f3n o indefensi\u00f3n\u00a0 \u00a0 INTERES SUPERIOR DEL MENOR CONFORME A LO DISPUESTO EN EL ARTICULO 44 DE LA C.P.-Reiteraci\u00f3n de jurisprudencia \u00a0 DERECHO FUNDAMENTAL DE LOS NI\u00d1OS A TENER UNA FAMILIA Y NO SER SEPARADOS DE ELLA-Derecho de los padres biol\u00f3gicos a mantener contacto con sus hijos\/DERECHO FUNDAMENTAL DE LOS NI\u00d1OS A LA INTEGRIDAD PERSONAL, FISICA Y PSICOLOGICA Y A NO SER ABUSADOS SEXUALMENTE\/DERECHO A TENER UNA FAMILIA Y NO SER SEPARADO DE ELLA\/PRINCIPIO DE ARMONIZACION CONCRETA DE LOS DERECHOS EN TENSION\/REGIMEN DE VISITAS-No pod\u00eda ser interrumpido unilateralmente \u00a0 ...<br \/><div class=\"pt-cv-rmwrap\"><a href=\"https:\/\/www.dmsjuridica.com\/buscador_20179478954\/corteconstitucionalcronologico202454587\/t-012-12\/\" class=\"_self pt-cv-readmore btn btn-success\" target=\"_self\">Ver Sentencia Completa...<\/a><\/div><\/div><\/div><\/div>\n<div class=\"col-md-12 col-sm-12 col-xs-12 pt-cv-content-item pt-cv-1-col\" ><div class='pt-cv-ifield'><a href=\"https:\/\/www.dmsjuridica.com\/buscador_20179478954\/corteconstitucionalcronologico202454587\/t-011-12\/\" class=\"_self pt-cv-href-thumbnail pt-cv-thumb-default\" target=\"_self\" ><\/a>\n<div class=\"pt-cv-taxoterm above_title\"><a href='https:\/\/www.dmsjuridica.com\/buscador_20179478954\/corteconstitucionalcronologico202454587\/category\/buscar-en-toda-la-corte\/2012\/tutelas-2012\/' title='Tutelas 2012' class='pt-cv-tax-tutelas-2012'>Tutelas 2012<\/a><\/div>\n<h4 class=\"pt-cv-title\"><a href=\"https:\/\/www.dmsjuridica.com\/buscador_20179478954\/corteconstitucionalcronologico202454587\/t-011-12\/\" class=\"_self\" target=\"_self\" >T-011-12<\/a><\/h4>\n<div class=\"pt-cv-content\">\u00a0 \u00a0 Sentencia T-011\/12 \u00a0 PENSION DE VEJEZ COMO DERECHO CONSTITUCIONAL FUNDAMENTAL-Reiteraci\u00f3n de jurisprudencia \u00a0 ACCION DE TUTELA PARA RECONOCIMIENTO DE PENSION DE VEJEZ-Reiteraci\u00f3n de jurisprudencia sobre procedencia excepcional \u00a0 DERECHO A LA PENSION DE VEJEZ Y VIA DE HECHO DEL ISS-Caso en que por actuaciones arbitrarias contenidas en las resoluciones expedidas se neg\u00f3 de manera irrazonable \u00a0 La entidad demandada en un comienzo sostuvo que el afiliado solamente hab\u00eda cotizado 997 semanas de las 1000 exigidas en cualquier tiempo, luego que 999 y despu\u00e9s que una de las cotizaciones se realiz\u00f3 extempor\u00e1neamente y la otra no se refleja en ...<br \/><div class=\"pt-cv-rmwrap\"><a href=\"https:\/\/www.dmsjuridica.com\/buscador_20179478954\/corteconstitucionalcronologico202454587\/t-011-12\/\" class=\"_self pt-cv-readmore btn btn-success\" target=\"_self\">Ver Sentencia Completa...<\/a><\/div><\/div><\/div><\/div>\n<div class=\"col-md-12 col-sm-12 col-xs-12 pt-cv-content-item pt-cv-1-col\" ><div class='pt-cv-ifield'><a href=\"https:\/\/www.dmsjuridica.com\/buscador_20179478954\/corteconstitucionalcronologico202454587\/t-010-12\/\" class=\"_self pt-cv-href-thumbnail pt-cv-thumb-default\" target=\"_self\" ><\/a>\n<div class=\"pt-cv-taxoterm above_title\"><a href='https:\/\/www.dmsjuridica.com\/buscador_20179478954\/corteconstitucionalcronologico202454587\/category\/buscar-en-toda-la-corte\/2012\/tutelas-2012\/' title='Tutelas 2012' class='pt-cv-tax-tutelas-2012'>Tutelas 2012<\/a><\/div>\n<h4 class=\"pt-cv-title\"><a href=\"https:\/\/www.dmsjuridica.com\/buscador_20179478954\/corteconstitucionalcronologico202454587\/t-010-12\/\" class=\"_self\" target=\"_self\" >T-010-12<\/a><\/h4>\n<div class=\"pt-cv-content\">\u00a0 \u00a0 Sentencia T-010\/12 \u00a0 FUNDACION SAN JUAN DE DIOS-Contenido y alcance de las \u00f3rdenes dadas en la SU-484\/08 \u00a0 S\u00f3lo las situaciones jur\u00eddicas consolidadas con anterioridad a la promulgaci\u00f3n de la sentencia de unificaci\u00f3n SU-484 de 2008, gozan de seguridad jur\u00eddica y se debe respetar la instituci\u00f3n de la cosa juzgada. Las otras situaciones jur\u00eddicas que no han sido resueltas de manera definitiva por las autoridades judiciales y administrativas deben tener en cuenta el precedente fijado en la SU-484\/08, al momento de definir el alcance de los derechos invocados por los ex trabajadores de la Fundaci\u00f3n San Juan de ...<br \/><div class=\"pt-cv-rmwrap\"><a href=\"https:\/\/www.dmsjuridica.com\/buscador_20179478954\/corteconstitucionalcronologico202454587\/t-010-12\/\" class=\"_self pt-cv-readmore btn btn-success\" target=\"_self\">Ver Sentencia Completa...<\/a><\/div><\/div><\/div><\/div>\n<div class=\"col-md-12 col-sm-12 col-xs-12 pt-cv-content-item pt-cv-1-col\" ><div class='pt-cv-ifield'><a href=\"https:\/\/www.dmsjuridica.com\/buscador_20179478954\/corteconstitucionalcronologico202454587\/t-009-12\/\" class=\"_self pt-cv-href-thumbnail pt-cv-thumb-default\" target=\"_self\" ><\/a>\n<div class=\"pt-cv-taxoterm above_title\"><a href='https:\/\/www.dmsjuridica.com\/buscador_20179478954\/corteconstitucionalcronologico202454587\/category\/buscar-en-toda-la-corte\/2012\/tutelas-2012\/' title='Tutelas 2012' class='pt-cv-tax-tutelas-2012'>Tutelas 2012<\/a><\/div>\n<h4 class=\"pt-cv-title\"><a href=\"https:\/\/www.dmsjuridica.com\/buscador_20179478954\/corteconstitucionalcronologico202454587\/t-009-12\/\" class=\"_self\" target=\"_self\" >T-009-12<\/a><\/h4>\n<div class=\"pt-cv-content\">\u00a0 \u00a0 Sentencia T-009\/12 \u00a0 ACCION DE TUTELA COMO MECANISMO DE PROTECCION A LA VIVIENDA DIGNA \u00a0 DERECHO A LA VIVIENDA DIGNA-Caso en que el demandante ya cumpli\u00f3 todos los requisitos que la ley le impone al ser damnificado por la ocurrencia de un desastre natural \u00a0 Es palmario el quebrantamiento causado contra el derecho a la vivienda digna del demandante, fundamental en quien se encuentra en situaci\u00f3n de gran vulnerabilidad, frente a cuyo sufrimiento y riesgo ni el Estado ni la sociedad pueden ser indiferentes por el principio general de solidaridad, ni insensibles ante una situaci\u00f3n de desamparo y ...<br \/><div class=\"pt-cv-rmwrap\"><a href=\"https:\/\/www.dmsjuridica.com\/buscador_20179478954\/corteconstitucionalcronologico202454587\/t-009-12\/\" class=\"_self pt-cv-readmore btn btn-success\" target=\"_self\">Ver Sentencia Completa...<\/a><\/div><\/div><\/div><\/div>\n<div class=\"col-md-12 col-sm-12 col-xs-12 pt-cv-content-item pt-cv-1-col\" ><div class='pt-cv-ifield'><a href=\"https:\/\/www.dmsjuridica.com\/buscador_20179478954\/corteconstitucionalcronologico202454587\/t-008-12\/\" class=\"_self pt-cv-href-thumbnail pt-cv-thumb-default\" target=\"_self\" ><\/a>\n<div class=\"pt-cv-taxoterm above_title\"><a href='https:\/\/www.dmsjuridica.com\/buscador_20179478954\/corteconstitucionalcronologico202454587\/category\/buscar-en-toda-la-corte\/2012\/tutelas-2012\/' title='Tutelas 2012' class='pt-cv-tax-tutelas-2012'>Tutelas 2012<\/a><\/div>\n<h4 class=\"pt-cv-title\"><a href=\"https:\/\/www.dmsjuridica.com\/buscador_20179478954\/corteconstitucionalcronologico202454587\/t-008-12\/\" class=\"_self\" target=\"_self\" >T-008-12<\/a><\/h4>\n<div class=\"pt-cv-content\">\u00a0 \u00a0 Sentencia T-008\/12 \u00a0 ACCION DE TUTELA PARA RECONOCIMIENTO DE SUSTITUCION PENSIONAL-Reiteraci\u00f3n de jurisprudencia sobre procedencia excepcional\u00a0 \u00a0 NATURALEZA JURIDICA DE PENSION DE SOBREVIVIENTES Y SU CARACTER FUNDAMENTAL-Reiteraci\u00f3n de jurisprudencia\u00a0 \u00a0 REVOCATORIA UNILATERAL DE RECONOCIMIENTOS PENSIONALES-Reiteraci\u00f3n de jurisprudencia \u00a0 RESTABLECIMIENTO DE PENSION DE SOBREVIVIENTES-Orden al ISS para que expida resoluci\u00f3n y se vuelva a pagar incluyendo mesadas no cubiertas y las que no se hallen prescritas \u00a0 Guardando coherencia con las observaciones precedentes, se colige que las no desvirtuadas pruebas aportadas por la actora son suficientes para que el ISS, Pensiones, siguiendo lineamentos constitucionales y legales, contin\u00fae efectuando el ...<br \/><div class=\"pt-cv-rmwrap\"><a href=\"https:\/\/www.dmsjuridica.com\/buscador_20179478954\/corteconstitucionalcronologico202454587\/t-008-12\/\" class=\"_self pt-cv-readmore btn btn-success\" target=\"_self\">Ver Sentencia Completa...<\/a><\/div><\/div><\/div><\/div>\n<div class=\"col-md-12 col-sm-12 col-xs-12 pt-cv-content-item pt-cv-1-col\" ><div class='pt-cv-ifield'><a href=\"https:\/\/www.dmsjuridica.com\/buscador_20179478954\/corteconstitucionalcronologico202454587\/t-005-12\/\" class=\"_self pt-cv-href-thumbnail pt-cv-thumb-default\" target=\"_self\" ><\/a>\n<div class=\"pt-cv-taxoterm above_title\"><a href='https:\/\/www.dmsjuridica.com\/buscador_20179478954\/corteconstitucionalcronologico202454587\/category\/buscar-en-toda-la-corte\/2012\/tutelas-2012\/' title='Tutelas 2012' class='pt-cv-tax-tutelas-2012'>Tutelas 2012<\/a><\/div>\n<h4 class=\"pt-cv-title\"><a href=\"https:\/\/www.dmsjuridica.com\/buscador_20179478954\/corteconstitucionalcronologico202454587\/t-005-12\/\" class=\"_self\" target=\"_self\" >T-005-12<\/a><\/h4>\n<div class=\"pt-cv-content\">\u00a0 \u00a0 Sentencia T-005\/12 \u00a0 ACCION DE TUTELA CONTRA SUPERINTENDENCIA NACIONAL DE SALUD Y FIDUCIARIA-Caso en que al adelantar una actuaci\u00f3n administrativa orden\u00f3 revocar licencia de funcionamiento, intervenir y liquidar empresa\/HECHO SUPERADO-Concepto \u00a0 Referencia: expediente T-1877036 \u00a0 Acci\u00f3n de tutela instaurada por la Asociaci\u00f3n Mutual Barrios Unidos de Quibd\u00f3 AMBUQ ARS ESS, contra la Superintendencia Nacional de Salud y Fiduciaria La Previsora S. A. \u00a0 Procedencia: Juzgado Sexto Civil del Circuito de Barranquilla. \u00a0 Magistrado Ponente:\u00a0 \u00a0 NILSON PINILLA PINILLA \u00a0 Bogot\u00e1, D. C., diecis\u00e9is (16) de enero de dos mil doce (2012) \u00a0 La Sala Sexta de Revisi\u00f3n de ...<br \/><div class=\"pt-cv-rmwrap\"><a href=\"https:\/\/www.dmsjuridica.com\/buscador_20179478954\/corteconstitucionalcronologico202454587\/t-005-12\/\" class=\"_self pt-cv-readmore btn btn-success\" target=\"_self\">Ver Sentencia Completa...<\/a><\/div><\/div><\/div><\/div>\n<div class=\"col-md-12 col-sm-12 col-xs-12 pt-cv-content-item pt-cv-1-col\" ><div class='pt-cv-ifield'><a href=\"https:\/\/www.dmsjuridica.com\/buscador_20179478954\/corteconstitucionalcronologico202454587\/t-004-12\/\" class=\"_self pt-cv-href-thumbnail pt-cv-thumb-default\" target=\"_self\" ><\/a>\n<div class=\"pt-cv-taxoterm above_title\"><a href='https:\/\/www.dmsjuridica.com\/buscador_20179478954\/corteconstitucionalcronologico202454587\/category\/buscar-en-toda-la-corte\/2012\/tutelas-2012\/' title='Tutelas 2012' class='pt-cv-tax-tutelas-2012'>Tutelas 2012<\/a><\/div>\n<h4 class=\"pt-cv-title\"><a href=\"https:\/\/www.dmsjuridica.com\/buscador_20179478954\/corteconstitucionalcronologico202454587\/t-004-12\/\" class=\"_self\" target=\"_self\" >T-004-12<\/a><\/h4>\n<div class=\"pt-cv-content\">\u00a0 \u00a0 Sentencia T-004\/12\u00a0 \u00a0 (Bogot\u00e1 D.C., enero 11) \u00a0 DERECHO A LA SALUD Y A LAS CIRUGIAS PLASTICAS RECONSTRUCTIVAS COMO PARTE DE SU CONTENIDO \u00a0 Referencia: expediente T-3.192.986 \u00a0 \u00a0\u00a0 Fallo de tutela objeto de revisi\u00f3n: Sentencia del Juzgado Doce Civil Municipal de Cartagena.\u00a0 \u00a0 \u00a0\u00a0 \u00a0 \u00a0 \u00a0 Accionante: Gustavo Alfonso Luque Ovalle \u00a0 \u00a0\u00a0 Accionado: Coomeva E.P.S.\u00a0 \u00a0 \u00a0\u00a0 \u00a0 \u00a0 \u00a0 Magistrados de la Sala Segunda de Revisi\u00f3n: Mauricio Gonz\u00e1lez Cuervo, Juan Carlos Henao P\u00e9rez y Gabriel Eduardo Mendoza Martelo \u00a0 \u00a0\u00a0 \u00a0 \u00a0 \u00a0 Magistrado Ponente: MAURICIO GONZ\u00c1LEZ CUERVO \u00a0 I. ANTECEDENTES \u00a0 1. Demanda ...<br \/><div class=\"pt-cv-rmwrap\"><a href=\"https:\/\/www.dmsjuridica.com\/buscador_20179478954\/corteconstitucionalcronologico202454587\/t-004-12\/\" class=\"_self pt-cv-readmore btn btn-success\" target=\"_self\">Ver Sentencia Completa...<\/a><\/div><\/div><\/div><\/div>\n<div class=\"col-md-12 col-sm-12 col-xs-12 pt-cv-content-item pt-cv-1-col\" ><div class='pt-cv-ifield'><a href=\"https:\/\/www.dmsjuridica.com\/buscador_20179478954\/corteconstitucionalcronologico202454587\/t-003-12\/\" class=\"_self pt-cv-href-thumbnail pt-cv-thumb-default\" target=\"_self\" ><\/a>\n<div class=\"pt-cv-taxoterm above_title\"><a href='https:\/\/www.dmsjuridica.com\/buscador_20179478954\/corteconstitucionalcronologico202454587\/category\/buscar-en-toda-la-corte\/2012\/tutelas-2012\/' title='Tutelas 2012' class='pt-cv-tax-tutelas-2012'>Tutelas 2012<\/a><\/div>\n<h4 class=\"pt-cv-title\"><a href=\"https:\/\/www.dmsjuridica.com\/buscador_20179478954\/corteconstitucionalcronologico202454587\/t-003-12\/\" class=\"_self\" target=\"_self\" >T-003-12<\/a><\/h4>\n<div class=\"pt-cv-content\">\u00a0 \u00a0 Sentencia T-003\/12 \u00a0 \u00a0Bogot\u00e1, D.C., enero 11 de 2012 \u00a0 Referencia: expedientes T- 3.132.708. \u00a0 \u00a0\u00a0 Fallo de tutela objeto revisi\u00f3n: sentencia de \u00fanica instancia del Juzgado Veintid\u00f3s Civil del Circuito de Bogot\u00e1 de 27 de mayo de 2011. \u00a0 \u00a0\u00a0 \u00a0 \u00a0 \u00a0 Accionante: Leopoldina Merch\u00e1n Lozano en calidad de Ministerio P\u00fablico, en representaci\u00f3n de Luz Marina L\u00f3pez H. \u00a0 \u00a0\u00a0 Accionado: Fondo Nacional de Vivienda, FONVIVIENDA, Ministerio de Vivienda, Ciudad y Territorio, (antes Ministerio de Ambiente, Vivienda y Desarrollo Territorial).\u00a0 \u00a0 \u00a0\u00a0 \u00a0 \u00a0 \u00a0 Demanda del accionante \u2013elementos-: \u00a0 \u00a0\u00a0 Derechos fundamentales invocados: debido proceso ...<br \/><div class=\"pt-cv-rmwrap\"><a href=\"https:\/\/www.dmsjuridica.com\/buscador_20179478954\/corteconstitucionalcronologico202454587\/t-003-12\/\" class=\"_self pt-cv-readmore btn btn-success\" target=\"_self\">Ver Sentencia Completa...<\/a><\/div><\/div><\/div><\/div>\n<div class=\"col-md-12 col-sm-12 col-xs-12 pt-cv-content-item pt-cv-1-col\" ><div class='pt-cv-ifield'><a href=\"https:\/\/www.dmsjuridica.com\/buscador_20179478954\/corteconstitucionalcronologico202454587\/t-002-12\/\" class=\"_self pt-cv-href-thumbnail pt-cv-thumb-default\" target=\"_self\" ><\/a>\n<div class=\"pt-cv-taxoterm above_title\"><a href='https:\/\/www.dmsjuridica.com\/buscador_20179478954\/corteconstitucionalcronologico202454587\/category\/buscar-en-toda-la-corte\/2012\/tutelas-2012\/' title='Tutelas 2012' class='pt-cv-tax-tutelas-2012'>Tutelas 2012<\/a><\/div>\n<h4 class=\"pt-cv-title\"><a href=\"https:\/\/www.dmsjuridica.com\/buscador_20179478954\/corteconstitucionalcronologico202454587\/t-002-12\/\" class=\"_self\" target=\"_self\" >T-002-12<\/a><\/h4>\n<div class=\"pt-cv-content\">\u00a0 \u00a0 Sentencia T-002\/12 \u00a0 JURISDICCION INDIGENA Y JURISDICCION ORDINARIA-Conflicto de competencias \u00a0 INTERES SUPERIOR DEL MENOR Y ESPECIAL PROTECCION A LA NI\u00d1EZ EN EL ORDEN JURIDICO INTERNO-Reiteraci\u00f3n de jurisprudencia \u00a0 Teniendo como punto de partida el car\u00e1cter relacional del inter\u00e9s superior del menor, es claro que la prevalencia de sus derechos no debe entenderse como un mandato abstracto de aplicaci\u00f3n mec\u00e1nica, sino que debe examinarse en el marco de las circunstancias espec\u00edficas de cada caso. Es por eso que esta Corte ha precisado que los jueces de tutela que conocen de casos que involucran a menores de edad deben ...<br \/><div class=\"pt-cv-rmwrap\"><a href=\"https:\/\/www.dmsjuridica.com\/buscador_20179478954\/corteconstitucionalcronologico202454587\/t-002-12\/\" class=\"_self pt-cv-readmore btn btn-success\" target=\"_self\">Ver Sentencia Completa...<\/a><\/div><\/div><\/div><\/div>\n<div class=\"col-md-12 col-sm-12 col-xs-12 pt-cv-content-item pt-cv-1-col\" ><div class='pt-cv-ifield'><a href=\"https:\/\/www.dmsjuridica.com\/buscador_20179478954\/corteconstitucionalcronologico202454587\/t-001-12\/\" class=\"_self pt-cv-href-thumbnail pt-cv-thumb-default\" target=\"_self\" ><\/a>\n<div class=\"pt-cv-taxoterm above_title\"><a href='https:\/\/www.dmsjuridica.com\/buscador_20179478954\/corteconstitucionalcronologico202454587\/category\/buscar-en-toda-la-corte\/2012\/tutelas-2012\/' title='Tutelas 2012' class='pt-cv-tax-tutelas-2012'>Tutelas 2012<\/a><\/div>\n<h4 class=\"pt-cv-title\"><a href=\"https:\/\/www.dmsjuridica.com\/buscador_20179478954\/corteconstitucionalcronologico202454587\/t-001-12\/\" class=\"_self\" target=\"_self\" >T-001-12<\/a><\/h4>\n<div class=\"pt-cv-content\">\u00a0 \u00a0 Sentencia T-001\/12 \u00a0 DERECHO A LA DIVERSIDAD ETNICA Y CULTURAL-Reiteraci\u00f3n de jurisprudencia \u00a0 Los derechos a la diversidad \u00e9tnica y cultural y a la autonom\u00eda de la que gozan las comunidades ind\u00edgenas est\u00e1n consagrados en la Constituci\u00f3n, en los tratados internacionales sobre derechos humanos, firmados y ratificados por Colombia como el Convenio 169 de la OIT y la Declaraci\u00f3n de Naciones Unidas sobre los Derechos de los Pueblos ind\u00edgenas y en parte de la legislaci\u00f3n nacional. Estos derechos implican derechos territoriales, jurisdicci\u00f3n propia, reconocimiento y protecci\u00f3n de sus tradiciones, lengua, cultura e implica el otorgamiento de un espacio ...<br \/><div class=\"pt-cv-rmwrap\"><a href=\"https:\/\/www.dmsjuridica.com\/buscador_20179478954\/corteconstitucionalcronologico202454587\/t-001-12\/\" class=\"_self pt-cv-readmore btn btn-success\" target=\"_self\">Ver Sentencia Completa...<\/a><\/div><\/div><\/div><\/div><\/div><\/div><\/div>\n","protected":false},"excerpt":{"rendered":"","protected":false},"author":1,"featured_media":0,"parent":0,"menu_order":0,"comment_status":"closed","ping_status":"closed","template":"","meta":{"footnotes":""},"class_list":["post-29606","page","type-page","status-publish","hentry"],"_links":{"self":[{"href":"https:\/\/www.dmsjuridica.com\/buscador_20179478954\/corteconstitucionalcronologico202454587\/wp-json\/wp\/v2\/pages\/29606","targetHints":{"allow":["GET"]}}],"collection":[{"href":"https:\/\/www.dmsjuridica.com\/buscador_20179478954\/corteconstitucionalcronologico202454587\/wp-json\/wp\/v2\/pages"}],"about":[{"href":"https:\/\/www.dmsjuridica.com\/buscador_20179478954\/corteconstitucionalcronologico202454587\/wp-json\/wp\/v2\/types\/page"}],"author":[{"embeddable":true,"href":"https:\/\/www.dmsjuridica.com\/buscador_20179478954\/corteconstitucionalcronologico202454587\/wp-json\/wp\/v2\/users\/1"}],"replies":[{"embeddable":true,"href":"https:\/\/www.dmsjuridica.com\/buscador_20179478954\/corteconstitucionalcronologico202454587\/wp-json\/wp\/v2\/comments?post=29606"}],"version-history":[{"count":2,"href":"https:\/\/www.dmsjuridica.com\/buscador_20179478954\/corteconstitucionalcronologico202454587\/wp-json\/wp\/v2\/pages\/29606\/revisions"}],"predecessor-version":[{"id":31413,"href":"https:\/\/www.dmsjuridica.com\/buscador_20179478954\/corteconstitucionalcronologico202454587\/wp-json\/wp\/v2\/pages\/29606\/revisions\/31413"}],"wp:attachment":[{"href":"https:\/\/www.dmsjuridica.com\/buscador_20179478954\/corteconstitucionalcronologico202454587\/wp-json\/wp\/v2\/media?parent=29606"}],"curies":[{"name":"wp","href":"https:\/\/api.w.org\/{rel}","templated":true}]}}