{"id":29608,"date":"2024-07-12T11:44:27","date_gmt":"2024-07-12T16:44:27","guid":{"rendered":"https:\/\/www.dmsjuridica.com\/buscador_20179478954\/corteconstitucionalcronologico202454587\/?page_id=29608"},"modified":"2025-11-27T11:44:11","modified_gmt":"2025-11-27T16:44:11","slug":"tutelas-2013","status":"publish","type":"page","link":"https:\/\/www.dmsjuridica.com\/buscador_20179478954\/corteconstitucionalcronologico202454587\/tutelas-2013\/","title":{"rendered":"Tutelas 2013"},"content":{"rendered":"<div class=\"pt-cv-wrapper\"><div class=\"pt-cv-view pt-cv-grid pt-cv-colsys\" id=\"pt-cv-view-1503a9amib\"><div data-id=\"pt-cv-page-1\" class=\"pt-cv-page\" data-cvc=\"1\"><div class=\"col-md-12 col-sm-12 col-xs-12 pt-cv-content-item pt-cv-1-col\" ><div class='pt-cv-ifield'><a href=\"https:\/\/www.dmsjuridica.com\/buscador_20179478954\/corteconstitucionalcronologico202454587\/t-955-13\/\" class=\"_self pt-cv-href-thumbnail pt-cv-thumb-default\" target=\"_self\" ><\/a>\n<div class=\"pt-cv-taxoterm above_title\"><a href='https:\/\/www.dmsjuridica.com\/buscador_20179478954\/corteconstitucionalcronologico202454587\/category\/buscar-en-toda-la-corte\/2013\/tutelas-2013\/' title='Tutelas 2013' class='pt-cv-tax-tutelas-2013'>Tutelas 2013<\/a><\/div>\n<h4 class=\"pt-cv-title\"><a href=\"https:\/\/www.dmsjuridica.com\/buscador_20179478954\/corteconstitucionalcronologico202454587\/t-955-13\/\" class=\"_self\" target=\"_self\" >T-955-13<\/a><\/h4>\n<div class=\"pt-cv-content\">\u00a0 \u00a0 \u00a0 \u00a0 \u00a0 \u00a0T-955-13 \u00a0 \u00a0 \u00a0 \u00a0 \u00a0 \u00a0\u00a0 Sentencia T-955\/13 \u00a0 \u00a0 LEGITIMACION EN LA CAUSA POR ACTIVA Y AGENCIA \u00a0 OFICIOSA EN LA ACCION DE TUTELA-Requisitos \u00a0 \u00a0 AGENCIA OFICIOSA EN TUTELA DE NI\u00d1OS, NI\u00d1AS Y \u00a0 ADOLESCENTES-Requisitos no tienen \u00a0 aplicaci\u00f3n\/LEGITIMACION POR ACTIVA EN TUTELA-Cualquier persona puede \u00a0 exigir el cumplimiento de los derechos de los ni\u00f1os \u00a0 \u00a0 La jurisprudencia \u00a0 ha entendido que cualquier persona puede exigir de la autoridad competente, la \u00a0 garant\u00eda de sus derechos fundamentales, sin requisitos adicionales. Es decir, la \u00a0 informalidad de la acci\u00f3n de tutela adquiere ...<br \/><div class=\"pt-cv-rmwrap\"><a href=\"https:\/\/www.dmsjuridica.com\/buscador_20179478954\/corteconstitucionalcronologico202454587\/t-955-13\/\" class=\"_self pt-cv-readmore btn btn-success\" target=\"_self\">Ver Sentencia Completa...<\/a><\/div><\/div><\/div><\/div>\n<div class=\"col-md-12 col-sm-12 col-xs-12 pt-cv-content-item pt-cv-1-col\" ><div class='pt-cv-ifield'><a href=\"https:\/\/www.dmsjuridica.com\/buscador_20179478954\/corteconstitucionalcronologico202454587\/t-954-13\/\" class=\"_self pt-cv-href-thumbnail pt-cv-thumb-default\" target=\"_self\" ><\/a>\n<div class=\"pt-cv-taxoterm above_title\"><a href='https:\/\/www.dmsjuridica.com\/buscador_20179478954\/corteconstitucionalcronologico202454587\/category\/buscar-en-toda-la-corte\/2013\/tutelas-2013\/' title='Tutelas 2013' class='pt-cv-tax-tutelas-2013'>Tutelas 2013<\/a><\/div>\n<h4 class=\"pt-cv-title\"><a href=\"https:\/\/www.dmsjuridica.com\/buscador_20179478954\/corteconstitucionalcronologico202454587\/t-954-13\/\" class=\"_self\" target=\"_self\" >T-954-13<\/a><\/h4>\n<div class=\"pt-cv-content\">\u00a0 \u00a0 \u00a0 \u00a0 \u00a0 \u00a0T-954-13 \u00a0 \u00a0 \u00a0 \u00a0 \u00a0 \u00a0\u00a0 \u00a0Sentencia T-954\/13 \u00a0 \u00a0 ACCION DE TUTELA CONTRA PROVIDENCIAS \u00a0 JUDICIALES-Requisitos \u00a0 generales y especiales de procedibilidad \u00a0 \u00a0 CARACTERIZACION DEL DEFECTO MATERIAL O \u00a0 SUSTANTIVO COMO CAUSAL DE PROCEDIBILIDAD DE LA ACCION DE TUTELA CONTRA \u00a0 PROVIDENCIAS JUDICIALES-En casos de interpretaci\u00f3n irrazonable \u00a0 \u00a0 DEFECTO SUSTANTIVO POR INTERPRETACION \u00a0 ERRONEA O IRRAZONABLE DE LA NORMA-Hip\u00f3tesis en las cuales puede incurrir la autoridad judicial \u00a0 \u00a0 CARACTERIZACION DEL DEFECTO POR \u00a0 DESCONOCIMIENTO DEL PRECEDENTE JUDICIAL \u00a0 \u00a0 Al ratificar el principio de supremac\u00eda de la Constituci\u00f3n, y reconocer ...<br \/><div class=\"pt-cv-rmwrap\"><a href=\"https:\/\/www.dmsjuridica.com\/buscador_20179478954\/corteconstitucionalcronologico202454587\/t-954-13\/\" class=\"_self pt-cv-readmore btn btn-success\" target=\"_self\">Ver Sentencia Completa...<\/a><\/div><\/div><\/div><\/div>\n<div class=\"col-md-12 col-sm-12 col-xs-12 pt-cv-content-item pt-cv-1-col\" ><div class='pt-cv-ifield'><a href=\"https:\/\/www.dmsjuridica.com\/buscador_20179478954\/corteconstitucionalcronologico202454587\/t-953-13\/\" class=\"_self pt-cv-href-thumbnail pt-cv-thumb-default\" target=\"_self\" ><\/a>\n<div class=\"pt-cv-taxoterm above_title\"><a href='https:\/\/www.dmsjuridica.com\/buscador_20179478954\/corteconstitucionalcronologico202454587\/category\/buscar-en-toda-la-corte\/2013\/tutelas-2013\/' title='Tutelas 2013' class='pt-cv-tax-tutelas-2013'>Tutelas 2013<\/a><\/div>\n<h4 class=\"pt-cv-title\"><a href=\"https:\/\/www.dmsjuridica.com\/buscador_20179478954\/corteconstitucionalcronologico202454587\/t-953-13\/\" class=\"_self\" target=\"_self\" >T-953-13<\/a><\/h4>\n<div class=\"pt-cv-content\">\u00a0 \u00a0 \u00a0 \u00a0 \u00a0 \u00a0T-953-13 \u00a0 \u00a0 \u00a0 \u00a0 \u00a0 \u00a0\u00a0 Sentencia T-953\/13 \u00a0 \u00a0 La acci\u00f3n de \u00a0 tutela no procede para cobrar acreencias laborales. Pese a ello, se torna \u00a0 procedente a pesar de la existencia de otros mecanismos de defensa, cuando se \u00a0 utilice para evitar un perjuicio irremediable o cuando el mecanismo judicial \u00a0 previsto para resolver dicha pretensi\u00f3n no resulte id\u00f3neo o eficaz para proteger \u00a0 de forma adecuada, oportuna e integral los derechos fundamentales. \u00a0 \u00a0 DERECHO A MANTENER EL PODER \u00a0 ADQUISITIVO DE LA PENSION-Fundamental \u00a0 \u00a0 Partiendo de los \u00a0 art\u00edculos ...<br \/><div class=\"pt-cv-rmwrap\"><a href=\"https:\/\/www.dmsjuridica.com\/buscador_20179478954\/corteconstitucionalcronologico202454587\/t-953-13\/\" class=\"_self pt-cv-readmore btn btn-success\" target=\"_self\">Ver Sentencia Completa...<\/a><\/div><\/div><\/div><\/div>\n<div class=\"col-md-12 col-sm-12 col-xs-12 pt-cv-content-item pt-cv-1-col\" ><div class='pt-cv-ifield'><a href=\"https:\/\/www.dmsjuridica.com\/buscador_20179478954\/corteconstitucionalcronologico202454587\/t-952-13\/\" class=\"_self pt-cv-href-thumbnail pt-cv-thumb-default\" target=\"_self\" ><\/a>\n<div class=\"pt-cv-taxoterm above_title\"><a href='https:\/\/www.dmsjuridica.com\/buscador_20179478954\/corteconstitucionalcronologico202454587\/category\/buscar-en-toda-la-corte\/2013\/tutelas-2013\/' title='Tutelas 2013' class='pt-cv-tax-tutelas-2013'>Tutelas 2013<\/a><\/div>\n<h4 class=\"pt-cv-title\"><a href=\"https:\/\/www.dmsjuridica.com\/buscador_20179478954\/corteconstitucionalcronologico202454587\/t-952-13\/\" class=\"_self\" target=\"_self\" >T-952-13<\/a><\/h4>\n<div class=\"pt-cv-content\">\u00a0 \u00a0 \u00a0 \u00a0 \u00a0 \u00a0T-952-13 \u00a0 \u00a0 \u00a0 \u00a0 \u00a0 \u00a0\u00a0 Sentencia T-952\/13 \u00a0 \u00a0 CARENCIA ACTUAL DE OBJETO POR HECHO \u00a0 SUPERADO-Configuraci\u00f3n \u00a0 \u00a0 CARENCIA ACTUAL DE OBJETO POR HECHO \u00a0 SUPERADO-Juez debe verificar que \u00a0 efectivamente ces\u00f3 la vulneraci\u00f3n o amenaza de derechos fundamentales \u00a0 \u00a0 El Juez de tutela debe constatar que \u00a0 realmente est\u00e1 frente a una carencia total del objeto de la decisi\u00f3n, pues si \u00a0 permanecen algunas de las circunstancias que dieron lugar a la vulneraci\u00f3n o \u00a0 amenaza los derechos invocados en la demanda de tutela, deber\u00e1 emitir una orden \u00a0 de ...<br \/><div class=\"pt-cv-rmwrap\"><a href=\"https:\/\/www.dmsjuridica.com\/buscador_20179478954\/corteconstitucionalcronologico202454587\/t-952-13\/\" class=\"_self pt-cv-readmore btn btn-success\" target=\"_self\">Ver Sentencia Completa...<\/a><\/div><\/div><\/div><\/div>\n<div class=\"col-md-12 col-sm-12 col-xs-12 pt-cv-content-item pt-cv-1-col\" ><div class='pt-cv-ifield'><a href=\"https:\/\/www.dmsjuridica.com\/buscador_20179478954\/corteconstitucionalcronologico202454587\/t-951-13\/\" class=\"_self pt-cv-href-thumbnail pt-cv-thumb-default\" target=\"_self\" ><\/a>\n<div class=\"pt-cv-taxoterm above_title\"><a href='https:\/\/www.dmsjuridica.com\/buscador_20179478954\/corteconstitucionalcronologico202454587\/category\/buscar-en-toda-la-corte\/2013\/tutelas-2013\/' title='Tutelas 2013' class='pt-cv-tax-tutelas-2013'>Tutelas 2013<\/a><\/div>\n<h4 class=\"pt-cv-title\"><a href=\"https:\/\/www.dmsjuridica.com\/buscador_20179478954\/corteconstitucionalcronologico202454587\/t-951-13\/\" class=\"_self\" target=\"_self\" >T-951-13<\/a><\/h4>\n<div class=\"pt-cv-content\">\u00a0 \u00a0 \u00a0 \u00a0 \u00a0 \u00a0T-951-13 \u00a0 \u00a0 \u00a0 \u00a0 \u00a0 \u00a0\u00a0 Sentencia T-951\/13 \u00a0 \u00a0 ACCION DE TUTELA CONTRA PROVIDENCIAS \u00a0 JUDICIALES-Requisitos \u00a0 generales y especiales de procedibilidad \u00a0 \u00a0 ACCION DE TUTELA CONTRA SENTENCIA DE \u00a0 TUTELA-Improcedencia \u00a0 para controvertir decisiones que se adoptan en procesos de esta naturaleza \u00a0 \u00a0 ACCION DE TUTELA CONTRA SENTENCIA DE \u00a0 TUTELA-Prohibici\u00f3n \u00a0 \u00a0 ACCION DE \u00a0 TUTELA CONTRA SENTENCIA DE TUTELA-Requisitos \u00a0 para la procedencia excepcional \u00a0 \u00a0 a) \u00a0 La acci\u00f3n de tutela presentada no comparte identidad procesal con la solicitud \u00a0 de amparo cuestionada, es decir, que no ...<br \/><div class=\"pt-cv-rmwrap\"><a href=\"https:\/\/www.dmsjuridica.com\/buscador_20179478954\/corteconstitucionalcronologico202454587\/t-951-13\/\" class=\"_self pt-cv-readmore btn btn-success\" target=\"_self\">Ver Sentencia Completa...<\/a><\/div><\/div><\/div><\/div>\n<div class=\"col-md-12 col-sm-12 col-xs-12 pt-cv-content-item pt-cv-1-col\" ><div class='pt-cv-ifield'><a href=\"https:\/\/www.dmsjuridica.com\/buscador_20179478954\/corteconstitucionalcronologico202454587\/t-950-13\/\" class=\"_self pt-cv-href-thumbnail pt-cv-thumb-default\" target=\"_self\" ><\/a>\n<div class=\"pt-cv-taxoterm above_title\"><a href='https:\/\/www.dmsjuridica.com\/buscador_20179478954\/corteconstitucionalcronologico202454587\/category\/buscar-en-toda-la-corte\/2013\/tutelas-2013\/' title='Tutelas 2013' class='pt-cv-tax-tutelas-2013'>Tutelas 2013<\/a><\/div>\n<h4 class=\"pt-cv-title\"><a href=\"https:\/\/www.dmsjuridica.com\/buscador_20179478954\/corteconstitucionalcronologico202454587\/t-950-13\/\" class=\"_self\" target=\"_self\" >T-950-13<\/a><\/h4>\n<div class=\"pt-cv-content\">\u00a0 \u00a0 \u00a0 \u00a0 \u00a0 \u00a0T-950-13 \u00a0 \u00a0 \u00a0 \u00a0 \u00a0 \u00a0\u00a0 Sentencia T-950\/13 \u00a0 \u00a0 DESPLAZAMIENTO FORZADO INTERNO-Procedencia de la acci\u00f3n de tutela como mecanismo de \u00a0 protecci\u00f3n de los derechos fundamentales de la poblaci\u00f3n desplazada \u00a0 \u00a0 PROTECCION DE LAS VICTIMAS DE DESPLAZAMIENTO FORZADO \u00a0 INTERNO-Jurisprudencia constitucional \u00a0 \u00a0 La Corte ha \u00a0 establecido que al Estado le corresponde i) el respeto de los derechos de la \u00a0 poblaci\u00f3n v\u00edctima de desplazamiento forzado por su especial condici\u00f3n; ii) la \u00a0 aplicaci\u00f3n de medidas para el restablecimiento integral de sus derechos y el \u00a0 acompa\u00f1amiento en este proceso; iii) ...<br \/><div class=\"pt-cv-rmwrap\"><a href=\"https:\/\/www.dmsjuridica.com\/buscador_20179478954\/corteconstitucionalcronologico202454587\/t-950-13\/\" class=\"_self pt-cv-readmore btn btn-success\" target=\"_self\">Ver Sentencia Completa...<\/a><\/div><\/div><\/div><\/div>\n<div class=\"col-md-12 col-sm-12 col-xs-12 pt-cv-content-item pt-cv-1-col\" ><div class='pt-cv-ifield'><a href=\"https:\/\/www.dmsjuridica.com\/buscador_20179478954\/corteconstitucionalcronologico202454587\/t-949-13\/\" class=\"_self pt-cv-href-thumbnail pt-cv-thumb-default\" target=\"_self\" ><\/a>\n<div class=\"pt-cv-taxoterm above_title\"><a href='https:\/\/www.dmsjuridica.com\/buscador_20179478954\/corteconstitucionalcronologico202454587\/category\/buscar-en-toda-la-corte\/2013\/tutelas-2013\/' title='Tutelas 2013' class='pt-cv-tax-tutelas-2013'>Tutelas 2013<\/a><\/div>\n<h4 class=\"pt-cv-title\"><a href=\"https:\/\/www.dmsjuridica.com\/buscador_20179478954\/corteconstitucionalcronologico202454587\/t-949-13\/\" class=\"_self\" target=\"_self\" >T-949-13<\/a><\/h4>\n<div class=\"pt-cv-content\">\u00a0 \u00a0 \u00a0 \u00a0 \u00a0 \u00a0T-949-13 \u00a0 \u00a0 \u00a0 \u00a0 \u00a0 \u00a0\u00a0 Sentencia T-949\/13 \u00a0 \u00a0 LEGITIMACION POR ACTIVA EN TUTELA Y AGENCIA OFICIOSA-Si del escrito de tutela se desprende la imposibilidad \u00a0 del titular del derecho de acudir en su propio nombre para su defensa, el juez \u00a0 puede hacer la interpretaci\u00f3n que se acude como agente oficioso \u00a0 \u00a0 DERECHO FUNDAMENTAL A LA SALUD-Protecci\u00f3n constitucional especial \u00a0 \u00a0 DERECHO A LA SALUD Y A LA VIDA DIGNA-Derecho a gozar de un estado completo de bienestar \u00a0 f\u00edsico, mental y social dentro del nivel m\u00e1s alto posible \u00a0 \u00a0 ...<br \/><div class=\"pt-cv-rmwrap\"><a href=\"https:\/\/www.dmsjuridica.com\/buscador_20179478954\/corteconstitucionalcronologico202454587\/t-949-13\/\" class=\"_self pt-cv-readmore btn btn-success\" target=\"_self\">Ver Sentencia Completa...<\/a><\/div><\/div><\/div><\/div>\n<div class=\"col-md-12 col-sm-12 col-xs-12 pt-cv-content-item pt-cv-1-col\" ><div class='pt-cv-ifield'><a href=\"https:\/\/www.dmsjuridica.com\/buscador_20179478954\/corteconstitucionalcronologico202454587\/t-948-13\/\" class=\"_self pt-cv-href-thumbnail pt-cv-thumb-default\" target=\"_self\" ><\/a>\n<div class=\"pt-cv-taxoterm above_title\"><a href='https:\/\/www.dmsjuridica.com\/buscador_20179478954\/corteconstitucionalcronologico202454587\/category\/buscar-en-toda-la-corte\/2013\/tutelas-2013\/' title='Tutelas 2013' class='pt-cv-tax-tutelas-2013'>Tutelas 2013<\/a><\/div>\n<h4 class=\"pt-cv-title\"><a href=\"https:\/\/www.dmsjuridica.com\/buscador_20179478954\/corteconstitucionalcronologico202454587\/t-948-13\/\" class=\"_self\" target=\"_self\" >T-948-13<\/a><\/h4>\n<div class=\"pt-cv-content\">\u00a0 \u00a0 \u00a0 \u00a0 \u00a0 \u00a0T-948-13 \u00a0 \u00a0 \u00a0 \u00a0 \u00a0 \u00a0\u00a0 Sentencia T-948\/13 \u00a0 \u00a0\u00a0 ACCION DE TUTELA CONTRA ADMINISTRADORA DE RIESGOS LABORALES-Procedencia excepcional por afectar derechos fundamentales al negar \u00a0 afiliaci\u00f3n a determinado grupo de trabajadores \u00a0 \u00a0 En ciertas circunstancias los mecanismos judiciales de defensa \u00a0 existentes en el ordenamiento jur\u00eddico para cuestionar la negativa de una ARL de \u00a0 cobijar a determinados grupos de trabajadores, debido a su complejidad y \u00a0 duraci\u00f3n, carecen de idoneidad y eficacia para amparar las garant\u00edas que surgen \u00a0 de la seguridad social y el trabajo. Por esta raz\u00f3n la tutela ...<br \/><div class=\"pt-cv-rmwrap\"><a href=\"https:\/\/www.dmsjuridica.com\/buscador_20179478954\/corteconstitucionalcronologico202454587\/t-948-13\/\" class=\"_self pt-cv-readmore btn btn-success\" target=\"_self\">Ver Sentencia Completa...<\/a><\/div><\/div><\/div><\/div>\n<div class=\"col-md-12 col-sm-12 col-xs-12 pt-cv-content-item pt-cv-1-col\" ><div class='pt-cv-ifield'><a href=\"https:\/\/www.dmsjuridica.com\/buscador_20179478954\/corteconstitucionalcronologico202454587\/t-947-13\/\" class=\"_self pt-cv-href-thumbnail pt-cv-thumb-default\" target=\"_self\" ><\/a>\n<div class=\"pt-cv-taxoterm above_title\"><a href='https:\/\/www.dmsjuridica.com\/buscador_20179478954\/corteconstitucionalcronologico202454587\/category\/buscar-en-toda-la-corte\/2013\/tutelas-2013\/' title='Tutelas 2013' class='pt-cv-tax-tutelas-2013'>Tutelas 2013<\/a><\/div>\n<h4 class=\"pt-cv-title\"><a href=\"https:\/\/www.dmsjuridica.com\/buscador_20179478954\/corteconstitucionalcronologico202454587\/t-947-13\/\" class=\"_self\" target=\"_self\" >T-947-13<\/a><\/h4>\n<div class=\"pt-cv-content\">\u00a0 \u00a0 \u00a0 \u00a0 \u00a0 \u00a0T-947-13 \u00a0 \u00a0 \u00a0 \u00a0 \u00a0 \u00a0\u00a0 Sentencia T-947\/13 \u00a0 \u00a0 DERECHO A LA LIBERTAD SINDICAL-Garant\u00eda constitucional \u00a0 \u00a0 En el \u00e1mbito laboral el derecho de los trabajadores a \u00a0 constituir sindicatos reviste cardinal importancia, pues les permite asociarse \u00a0 con el fin de defender sus intereses, hacer efectivas sus garant\u00edas y buscar el \u00a0 mejoramiento de sus condiciones de trabajo mediante el reconocimiento de nuevos \u00a0 beneficios. Lo anterior ocurre en ejercicio de las prerrogativas consagradas en \u00a0 los convenios internacionales, en la Constituci\u00f3n y en la ley. \u00a0 \u00a0 DERECHO DE NEGOCIACION COLECTIVA-Garant\u00eda ...<br \/><div class=\"pt-cv-rmwrap\"><a href=\"https:\/\/www.dmsjuridica.com\/buscador_20179478954\/corteconstitucionalcronologico202454587\/t-947-13\/\" class=\"_self pt-cv-readmore btn btn-success\" target=\"_self\">Ver Sentencia Completa...<\/a><\/div><\/div><\/div><\/div>\n<div class=\"col-md-12 col-sm-12 col-xs-12 pt-cv-content-item pt-cv-1-col\" ><div class='pt-cv-ifield'><a href=\"https:\/\/www.dmsjuridica.com\/buscador_20179478954\/corteconstitucionalcronologico202454587\/t-946-13\/\" class=\"_self pt-cv-href-thumbnail pt-cv-thumb-default\" target=\"_self\" ><\/a>\n<div class=\"pt-cv-taxoterm above_title\"><a href='https:\/\/www.dmsjuridica.com\/buscador_20179478954\/corteconstitucionalcronologico202454587\/category\/buscar-en-toda-la-corte\/2013\/tutelas-2013\/' title='Tutelas 2013' class='pt-cv-tax-tutelas-2013'>Tutelas 2013<\/a><\/div>\n<h4 class=\"pt-cv-title\"><a href=\"https:\/\/www.dmsjuridica.com\/buscador_20179478954\/corteconstitucionalcronologico202454587\/t-946-13\/\" class=\"_self\" target=\"_self\" >T-946-13<\/a><\/h4>\n<div class=\"pt-cv-content\">\u00a0 \u00a0 \u00a0 \u00a0 \u00a0 \u00a0T-946-13 \u00a0 \u00a0 \u00a0 \u00a0 \u00a0 \u00a0\u00a0 Sentencia T-946\/13 \u00a0 \u00a0 DERECHO FUNDAMENTAL AL AGUA-Protecci\u00f3n \u00a0 constitucional\/DERECHO FUNDAMENTAL AL AGUA-Protecci\u00f3n internacional \u00a0 \u00a0 DERECHO FUNDAMENTAL AL AGUA \u00a0 POTABLE-Naturaleza \u00a0 \u00a0 La Constituci\u00f3n se\u00f1ala como finalidad social del Estado la \u00a0 obtenci\u00f3n del bienestar general y el mejoramiento de la calidad de vida de los \u00a0 habitantes. Asimismo, establece como objetivo fundamental de la actividad del \u00a0 Estado \u201cla soluci\u00f3n de las necesidades insatisfechas de la poblaci\u00f3n\u201d, en \u00a0 especial las \u201cde salud, de educaci\u00f3n, de saneamiento ambiental y de agua \u00a0 potable\u201d. La Corte ...<br \/><div class=\"pt-cv-rmwrap\"><a href=\"https:\/\/www.dmsjuridica.com\/buscador_20179478954\/corteconstitucionalcronologico202454587\/t-946-13\/\" class=\"_self pt-cv-readmore btn btn-success\" target=\"_self\">Ver Sentencia Completa...<\/a><\/div><\/div><\/div><\/div>\n<div class=\"col-md-12 col-sm-12 col-xs-12 pt-cv-content-item pt-cv-1-col\" ><div class='pt-cv-ifield'><a href=\"https:\/\/www.dmsjuridica.com\/buscador_20179478954\/corteconstitucionalcronologico202454587\/t-945-13\/\" class=\"_self pt-cv-href-thumbnail pt-cv-thumb-default\" target=\"_self\" ><\/a>\n<div class=\"pt-cv-taxoterm above_title\"><a href='https:\/\/www.dmsjuridica.com\/buscador_20179478954\/corteconstitucionalcronologico202454587\/category\/buscar-en-toda-la-corte\/2013\/tutelas-2013\/' title='Tutelas 2013' class='pt-cv-tax-tutelas-2013'>Tutelas 2013<\/a><\/div>\n<h4 class=\"pt-cv-title\"><a href=\"https:\/\/www.dmsjuridica.com\/buscador_20179478954\/corteconstitucionalcronologico202454587\/t-945-13\/\" class=\"_self\" target=\"_self\" >T-945-13<\/a><\/h4>\n<div class=\"pt-cv-content\">\u00a0 \u00a0 \u00a0 \u00a0 \u00a0 \u00a0T-945-13 \u00a0 \u00a0 \u00a0 \u00a0 \u00a0 \u00a0\u00a0 Sentencia T-945\/13 \u00a0 \u00a0 ESTABILIDAD LABORAL DE MADRE CABEZA DE FAMILIA-Protecci\u00f3n especial a \u00a0 trabajadores en condiciones de debilidad manifiesta \u00a0 \u00a0 DERECHO A LA SALUD Y DERECHO AL TRABAJO-Vulneraci\u00f3n por \u00a0 empleador al terminar contrato verbal a t\u00e9rmino indefinido bajo el argumento que \u00a0 no pudo afiliar a la trabajadora a una \u00fanica EPS \u00a0 \u00a0 La Sala \u00a0 observa que la demandada incumpli\u00f3 flagrantemente con su obligaci\u00f3n de vincular \u00a0 a la accionante al sistema de salud. En efecto, la empresa suscribi\u00f3 un contrato \u00a0 de ...<br \/><div class=\"pt-cv-rmwrap\"><a href=\"https:\/\/www.dmsjuridica.com\/buscador_20179478954\/corteconstitucionalcronologico202454587\/t-945-13\/\" class=\"_self pt-cv-readmore btn btn-success\" target=\"_self\">Ver Sentencia Completa...<\/a><\/div><\/div><\/div><\/div>\n<div class=\"col-md-12 col-sm-12 col-xs-12 pt-cv-content-item pt-cv-1-col\" ><div class='pt-cv-ifield'><a href=\"https:\/\/www.dmsjuridica.com\/buscador_20179478954\/corteconstitucionalcronologico202454587\/t-944-13\/\" class=\"_self pt-cv-href-thumbnail pt-cv-thumb-default\" target=\"_self\" ><\/a>\n<div class=\"pt-cv-taxoterm above_title\"><a href='https:\/\/www.dmsjuridica.com\/buscador_20179478954\/corteconstitucionalcronologico202454587\/category\/buscar-en-toda-la-corte\/2013\/tutelas-2013\/' title='Tutelas 2013' class='pt-cv-tax-tutelas-2013'>Tutelas 2013<\/a><\/div>\n<h4 class=\"pt-cv-title\"><a href=\"https:\/\/www.dmsjuridica.com\/buscador_20179478954\/corteconstitucionalcronologico202454587\/t-944-13\/\" class=\"_self\" target=\"_self\" >T-944-13<\/a><\/h4>\n<div class=\"pt-cv-content\">\u00a0 \u00a0 \u00a0 \u00a0 \u00a0 \u00a0T-944-13 \u00a0 \u00a0 \u00a0 \u00a0 \u00a0 \u00a0\u00a0 Sentencia T-944\/13 \u00a0 \u00a0 DERECHO DE ACCESO AL SERVICIO DE SALUD QUE SE REQUIERE \u00a0 CON NECESIDAD-Suministro de pa\u00f1ales \u00a0 para persona en situaci\u00f3n de discapacidad \u00a0 \u00a0 INAPLICACION DE NORMAS DEL PLAN OBLIGATORIO DE SALUD-Subreglas cuando la prestaci\u00f3n del servicio se requiere \u00a0 con necesidad \u00a0 \u00a0 Esta Corporaci\u00f3n ha reiterado que los usuarios de Sistema de Salud tienen \u00a0 derecho a acceder a los servicios de salud que requieren con necesidad, cuando \u00a0 es indispensable para garantizar la salud, y la integridad f\u00edsica y mental. Esta ...<br \/><div class=\"pt-cv-rmwrap\"><a href=\"https:\/\/www.dmsjuridica.com\/buscador_20179478954\/corteconstitucionalcronologico202454587\/t-944-13\/\" class=\"_self pt-cv-readmore btn btn-success\" target=\"_self\">Ver Sentencia Completa...<\/a><\/div><\/div><\/div><\/div>\n<div class=\"col-md-12 col-sm-12 col-xs-12 pt-cv-content-item pt-cv-1-col\" ><div class='pt-cv-ifield'><a href=\"https:\/\/www.dmsjuridica.com\/buscador_20179478954\/corteconstitucionalcronologico202454587\/t-943-13\/\" class=\"_self pt-cv-href-thumbnail pt-cv-thumb-default\" target=\"_self\" ><\/a>\n<div class=\"pt-cv-taxoterm above_title\"><a href='https:\/\/www.dmsjuridica.com\/buscador_20179478954\/corteconstitucionalcronologico202454587\/category\/buscar-en-toda-la-corte\/2013\/tutelas-2013\/' title='Tutelas 2013' class='pt-cv-tax-tutelas-2013'>Tutelas 2013<\/a><\/div>\n<h4 class=\"pt-cv-title\"><a href=\"https:\/\/www.dmsjuridica.com\/buscador_20179478954\/corteconstitucionalcronologico202454587\/t-943-13\/\" class=\"_self\" target=\"_self\" >T-943-13<\/a><\/h4>\n<div class=\"pt-cv-content\">\u00a0 \u00a0 \u00a0 \u00a0 \u00a0 \u00a0T-943-13 \u00a0 \u00a0 \u00a0 \u00a0 \u00a0 \u00a0\u00a0 \u00a0Sentencia T-943\/13 \u00a0 \u00a0 ACCION DE TUTELA CONTRA ACTO ADMINISTRATIVO DE CARACTER PARTICULAR Y \u00a0 CONCRETO-Procedencia excepcional para ordenar \u00a0 reingreso a la Isla San Andr\u00e9s y Providencia \u00a0 \u00a0 REGIMEN ESPECIAL DE CONTROL DE DENSIDAD POBLACIONAL EN ARCHIPIELAGO \u00a0 DE SAN ANDRES-Alcance dado en sentencia C-530\/93 al \u00a0 Decreto 2762 de 1991 \u00a0 \u00a0 Si bien las limitaciones a los derechos que impone \u00a0 el Decreto 2762 de 1991 corresponden a preservar la cultura de las comunidades \u00a0 nativas del Archipi\u00e9lago, as\u00ed como sus recursos naturales, dichas ...<br \/><div class=\"pt-cv-rmwrap\"><a href=\"https:\/\/www.dmsjuridica.com\/buscador_20179478954\/corteconstitucionalcronologico202454587\/t-943-13\/\" class=\"_self pt-cv-readmore btn btn-success\" target=\"_self\">Ver Sentencia Completa...<\/a><\/div><\/div><\/div><\/div>\n<div class=\"col-md-12 col-sm-12 col-xs-12 pt-cv-content-item pt-cv-1-col\" ><div class='pt-cv-ifield'><a href=\"https:\/\/www.dmsjuridica.com\/buscador_20179478954\/corteconstitucionalcronologico202454587\/t-942-13\/\" class=\"_self pt-cv-href-thumbnail pt-cv-thumb-default\" target=\"_self\" ><\/a>\n<div class=\"pt-cv-taxoterm above_title\"><a href='https:\/\/www.dmsjuridica.com\/buscador_20179478954\/corteconstitucionalcronologico202454587\/category\/buscar-en-toda-la-corte\/2013\/tutelas-2013\/' title='Tutelas 2013' class='pt-cv-tax-tutelas-2013'>Tutelas 2013<\/a><\/div>\n<h4 class=\"pt-cv-title\"><a href=\"https:\/\/www.dmsjuridica.com\/buscador_20179478954\/corteconstitucionalcronologico202454587\/t-942-13\/\" class=\"_self\" target=\"_self\" >T-942-13<\/a><\/h4>\n<div class=\"pt-cv-content\">\u00a0 \u00a0 \u00a0 \u00a0 \u00a0 \u00a0T-942-13 \u00a0 \u00a0 \u00a0 \u00a0 \u00a0 \u00a0\u00a0 Sentencia T-942\/13 \u00a0 \u00a0 ACCION DE TUTELA CONTRA PROVIDENCIAS JUDICIALES-Requisitos generales y especiales de procedibilidad \u00a0 \u00a0 DEFECTO ORGANICO-Configuraci\u00f3n \u00a0 \u00a0 ACCION DE TUTELA CONTRA PROVIDENCIAS JUDICIALES POR \u00a0 DEFECTO ORGANICO-Procedencia \u00a0 excepcional \u00a0 \u00a0 El defecto org\u00e1nico implica que a la luz del \u00a0 ordenamiento jur\u00eddico vigente, es indudable que el funcionario cuestionado, \u00a0 emiti\u00f3 una decisi\u00f3n jurisdiccional para la cual carec\u00eda absolutamente de \u00a0 competencia. De todas maneras, para que se configure el mencionado defecto, \u00a0 corresponde al juez constitucional determinar y verificar claramente la \u00a0 ...<br \/><div class=\"pt-cv-rmwrap\"><a href=\"https:\/\/www.dmsjuridica.com\/buscador_20179478954\/corteconstitucionalcronologico202454587\/t-942-13\/\" class=\"_self pt-cv-readmore btn btn-success\" target=\"_self\">Ver Sentencia Completa...<\/a><\/div><\/div><\/div><\/div>\n<div class=\"col-md-12 col-sm-12 col-xs-12 pt-cv-content-item pt-cv-1-col\" ><div class='pt-cv-ifield'><a href=\"https:\/\/www.dmsjuridica.com\/buscador_20179478954\/corteconstitucionalcronologico202454587\/t-941-13\/\" class=\"_self pt-cv-href-thumbnail pt-cv-thumb-default\" target=\"_self\" ><\/a>\n<div class=\"pt-cv-taxoterm above_title\"><a href='https:\/\/www.dmsjuridica.com\/buscador_20179478954\/corteconstitucionalcronologico202454587\/category\/buscar-en-toda-la-corte\/2013\/tutelas-2013\/' title='Tutelas 2013' class='pt-cv-tax-tutelas-2013'>Tutelas 2013<\/a><\/div>\n<h4 class=\"pt-cv-title\"><a href=\"https:\/\/www.dmsjuridica.com\/buscador_20179478954\/corteconstitucionalcronologico202454587\/t-941-13\/\" class=\"_self\" target=\"_self\" >T-941-13<\/a><\/h4>\n<div class=\"pt-cv-content\">\u00a0 \u00a0 \u00a0 \u00a0 \u00a0 \u00a0T-941-13 \u00a0 \u00a0 \u00a0 \u00a0 \u00a0 \u00a0\u00a0 Sentencia T-941\/13 \u00a0 \u00a0 PRINCIPIO DE INMEDIATEZ COMO REQUISITO DE PROCEDIBILIDAD DE LA ACCION DE TUTELA-Debe ponderarse \u00a0 bajo el criterio del plazo razonable y oportuno \u00a0 \u00a0 La acci\u00f3n de tutela fue instituida para obtener la protecci\u00f3n \u00a0 inmediata de los derechos fundamentales que se consideran vulnerados, por tal \u00a0 raz\u00f3n, si bien no se ha establecido un t\u00e9rmino de caducidad para su \u00a0 presentaci\u00f3n, el amparo debe ser solicitado dentro de un tiempo oportuno \u00a0 razonable y prudente respecto de la ocurrencia de la violaci\u00f3n o ...<br \/><div class=\"pt-cv-rmwrap\"><a href=\"https:\/\/www.dmsjuridica.com\/buscador_20179478954\/corteconstitucionalcronologico202454587\/t-941-13\/\" class=\"_self pt-cv-readmore btn btn-success\" target=\"_self\">Ver Sentencia Completa...<\/a><\/div><\/div><\/div><\/div>\n<div class=\"col-md-12 col-sm-12 col-xs-12 pt-cv-content-item pt-cv-1-col\" ><div class='pt-cv-ifield'><a href=\"https:\/\/www.dmsjuridica.com\/buscador_20179478954\/corteconstitucionalcronologico202454587\/t-940-13\/\" class=\"_self pt-cv-href-thumbnail pt-cv-thumb-default\" target=\"_self\" ><\/a>\n<div class=\"pt-cv-taxoterm above_title\"><a href='https:\/\/www.dmsjuridica.com\/buscador_20179478954\/corteconstitucionalcronologico202454587\/category\/buscar-en-toda-la-corte\/2013\/tutelas-2013\/' title='Tutelas 2013' class='pt-cv-tax-tutelas-2013'>Tutelas 2013<\/a><\/div>\n<h4 class=\"pt-cv-title\"><a href=\"https:\/\/www.dmsjuridica.com\/buscador_20179478954\/corteconstitucionalcronologico202454587\/t-940-13\/\" class=\"_self\" target=\"_self\" >T-940-13<\/a><\/h4>\n<div class=\"pt-cv-content\">\u00a0 \u00a0 \u00a0 \u00a0 \u00a0 \u00a0T-940-13 \u00a0 \u00a0 \u00a0 \u00a0 \u00a0 \u00a0\u00a0 ACCION DE TUTELA PARA \u00a0 RECONOCIMIENTO DE PENSION DE VEJEZ-Procedencia \u00a0 excepcional cuando se vulneran derechos de las personas de la tercera edad \u00a0 \u00a0 INOPONIBILIDAD DE LA MORA PATRONAL \u00a0 PARA RECONOCIMIENTO DE PENSION DE VEJEZ-Reiteraci\u00f3n \u00a0 de jurisprudencia \u00a0 \u00a0 MORA EN EL PAGO DE APORTES Y \u00a0 COTIZACIONES PENSIONALES-Entidad administradora de \u00a0 pensiones no puede negar a un trabajador la pensi\u00f3n a que tiene derecho \u00a0 argumentando el incumplimiento del empleador en el pago de los aportes \u00a0 \u00a0 Esta Corte ha precisado que no ...<br \/><div class=\"pt-cv-rmwrap\"><a href=\"https:\/\/www.dmsjuridica.com\/buscador_20179478954\/corteconstitucionalcronologico202454587\/t-940-13\/\" class=\"_self pt-cv-readmore btn btn-success\" target=\"_self\">Ver Sentencia Completa...<\/a><\/div><\/div><\/div><\/div>\n<div class=\"col-md-12 col-sm-12 col-xs-12 pt-cv-content-item pt-cv-1-col\" ><div class='pt-cv-ifield'><a href=\"https:\/\/www.dmsjuridica.com\/buscador_20179478954\/corteconstitucionalcronologico202454587\/t-939-13\/\" class=\"_self pt-cv-href-thumbnail pt-cv-thumb-default\" target=\"_self\" ><\/a>\n<div class=\"pt-cv-taxoterm above_title\"><a href='https:\/\/www.dmsjuridica.com\/buscador_20179478954\/corteconstitucionalcronologico202454587\/category\/buscar-en-toda-la-corte\/2013\/tutelas-2013\/' title='Tutelas 2013' class='pt-cv-tax-tutelas-2013'>Tutelas 2013<\/a><\/div>\n<h4 class=\"pt-cv-title\"><a href=\"https:\/\/www.dmsjuridica.com\/buscador_20179478954\/corteconstitucionalcronologico202454587\/t-939-13\/\" class=\"_self\" target=\"_self\" >T-939-13<\/a><\/h4>\n<div class=\"pt-cv-content\">\u00a0 \u00a0 \u00a0 \u00a0 \u00a0 \u00a0T-939-13 \u00a0 \u00a0 \u00a0 \u00a0 \u00a0 \u00a0\u00a0 Sentencia T-939\/13 \u00a0 \u00a0 LEGITIMACION EN LA CAUSA POR ACTIVA Y AGENCIA OFICIOSA EN LA \u00a0 ACCION DE TUTELA-Requisitos \u00a0 \u00a0 La Corte Constitucional ha \u00a0 reiterado que para que proceda la agencia oficiosa en materia de tutela, es \u00a0 necesario que (i) el agente oficioso manifieste expl\u00edcitamente que est\u00e1 actuando \u00a0 como tal, y (ii) que demuestre que la persona titular del derecho amenazado o \u00a0 vulnerado se encuentra imposibilitada para promover su propia defensa, ya sea \u00a0 por incapacidad f\u00edsica o mental, o por la existencia ...<br \/><div class=\"pt-cv-rmwrap\"><a href=\"https:\/\/www.dmsjuridica.com\/buscador_20179478954\/corteconstitucionalcronologico202454587\/t-939-13\/\" class=\"_self pt-cv-readmore btn btn-success\" target=\"_self\">Ver Sentencia Completa...<\/a><\/div><\/div><\/div><\/div>\n<div class=\"col-md-12 col-sm-12 col-xs-12 pt-cv-content-item pt-cv-1-col\" ><div class='pt-cv-ifield'><a href=\"https:\/\/www.dmsjuridica.com\/buscador_20179478954\/corteconstitucionalcronologico202454587\/t-938-13\/\" class=\"_self pt-cv-href-thumbnail pt-cv-thumb-default\" target=\"_self\" ><\/a>\n<div class=\"pt-cv-taxoterm above_title\"><a href='https:\/\/www.dmsjuridica.com\/buscador_20179478954\/corteconstitucionalcronologico202454587\/category\/buscar-en-toda-la-corte\/2013\/tutelas-2013\/' title='Tutelas 2013' class='pt-cv-tax-tutelas-2013'>Tutelas 2013<\/a><\/div>\n<h4 class=\"pt-cv-title\"><a href=\"https:\/\/www.dmsjuridica.com\/buscador_20179478954\/corteconstitucionalcronologico202454587\/t-938-13\/\" class=\"_self\" target=\"_self\" >T-938-13<\/a><\/h4>\n<div class=\"pt-cv-content\">\u00a0 \u00a0 \u00a0 \u00a0 \u00a0 \u00a0T-938-13 \u00a0 \u00a0 \u00a0 \u00a0 \u00a0 \u00a0\u00a0 Sentencia T-938\/13 \u00a0 \u00a0 ACCION DE TUTELA CONTRA PROVIDENCIAS JUDICIALES-Requisitos generales y \u00a0 especiales de procedibilidad \u00a0 \u00a0 PENSION DE SOBREVIVIENTES-Regulaci\u00f3n\/PENSION DE SOBREVIVIENTES-Finalidad \u00a0 \u00a0 PENSION DE SOBREVIVIENTES CON ANTERIORIDAD A LA LEY 100 DE 1993-Regulaci\u00f3n \u00a0 \u00a0 PENSION DE SOBREVIVIENTES-Requisitos \u00a0 \u00a0 PENSION DE VEJEZ-Posibilidad de acumular tiempo de servicio a entidades \u00a0 estatales y cotizaciones al ISS para reunir el n\u00famero de semanas necesarias para \u00a0 obtener pensi\u00f3n con anterioridad a la ley 100 de 1993 \u00a0 \u00a0 ACCION DE TUTELA CONTRA PROVIDENCIAS JUDICIALES-Inexistencia de defecto ...<br \/><div class=\"pt-cv-rmwrap\"><a href=\"https:\/\/www.dmsjuridica.com\/buscador_20179478954\/corteconstitucionalcronologico202454587\/t-938-13\/\" class=\"_self pt-cv-readmore btn btn-success\" target=\"_self\">Ver Sentencia Completa...<\/a><\/div><\/div><\/div><\/div>\n<div class=\"col-md-12 col-sm-12 col-xs-12 pt-cv-content-item pt-cv-1-col\" ><div class='pt-cv-ifield'><a href=\"https:\/\/www.dmsjuridica.com\/buscador_20179478954\/corteconstitucionalcronologico202454587\/t-937-13\/\" class=\"_self pt-cv-href-thumbnail pt-cv-thumb-default\" target=\"_self\" ><\/a>\n<div class=\"pt-cv-taxoterm above_title\"><a href='https:\/\/www.dmsjuridica.com\/buscador_20179478954\/corteconstitucionalcronologico202454587\/category\/buscar-en-toda-la-corte\/2013\/tutelas-2013\/' title='Tutelas 2013' class='pt-cv-tax-tutelas-2013'>Tutelas 2013<\/a><\/div>\n<h4 class=\"pt-cv-title\"><a href=\"https:\/\/www.dmsjuridica.com\/buscador_20179478954\/corteconstitucionalcronologico202454587\/t-937-13\/\" class=\"_self\" target=\"_self\" >T-937-13<\/a><\/h4>\n<div class=\"pt-cv-content\">\u00a0 \u00a0 \u00a0 \u00a0 \u00a0 \u00a0T-937-13 \u00a0 \u00a0 \u00a0 \u00a0 \u00a0 \u00a0\u00a0 Sentencia T-937\/13 \u00a0 \u00a0 ACCION DE TUTELA CONTRA PROVIDENCIAS \u00a0 JUDICIALES-Requisitos \u00a0 generales y especiales de procedibilidad \u00a0 \u00a0 DEFECTO FACTICO-Dimensi\u00f3n negativa y positiva \u00a0 \u00a0 La jurisprudencia constitucional ha \u00a0 diferenciado \u00a0 dos dimensiones del defecto f\u00e1ctico. En primer lugar, una dimensi\u00f3n negativa que \u00a0 se refiere b\u00e1sicamente a la valoraci\u00f3n judicial arbitraria, irracional y \u00a0 caprichosa de la prueba o a su falta de valoraci\u00f3n, sea que se trate de negaci\u00f3n \u00a0 u omisi\u00f3n, y arrojando como consecuencia, que sin raz\u00f3n plausible se d\u00e9 por no ...<br \/><div class=\"pt-cv-rmwrap\"><a href=\"https:\/\/www.dmsjuridica.com\/buscador_20179478954\/corteconstitucionalcronologico202454587\/t-937-13\/\" class=\"_self pt-cv-readmore btn btn-success\" target=\"_self\">Ver Sentencia Completa...<\/a><\/div><\/div><\/div><\/div>\n<div class=\"col-md-12 col-sm-12 col-xs-12 pt-cv-content-item pt-cv-1-col\" ><div class='pt-cv-ifield'><a href=\"https:\/\/www.dmsjuridica.com\/buscador_20179478954\/corteconstitucionalcronologico202454587\/t-936-13\/\" class=\"_self pt-cv-href-thumbnail pt-cv-thumb-default\" target=\"_self\" ><\/a>\n<div class=\"pt-cv-taxoterm above_title\"><a href='https:\/\/www.dmsjuridica.com\/buscador_20179478954\/corteconstitucionalcronologico202454587\/category\/buscar-en-toda-la-corte\/2013\/tutelas-2013\/' title='Tutelas 2013' class='pt-cv-tax-tutelas-2013'>Tutelas 2013<\/a><\/div>\n<h4 class=\"pt-cv-title\"><a href=\"https:\/\/www.dmsjuridica.com\/buscador_20179478954\/corteconstitucionalcronologico202454587\/t-936-13\/\" class=\"_self\" target=\"_self\" >T-936-13<\/a><\/h4>\n<div class=\"pt-cv-content\">\u00a0 \u00a0 \u00a0 \u00a0 \u00a0 \u00a0T-936-13 \u00a0 \u00a0 \u00a0 \u00a0 \u00a0 \u00a0\u00a0 Sentencia T-936\/13 \u00a0 \u00a0 ACCION DE TUTELA CONTRA PROVIDENCIAS \u00a0 JUDICIALES-Requisitos \u00a0 generales y especiales de procedibilidad \u00a0 \u00a0 PRINCIPIO DE INMEDIATEZ EN ACCION DE TUTELA \u00a0 CONTRA PROVIDENCIAS JUDICIALES-T\u00e9rmino razonable debe valorarse en cada caso concreto \u00a0 \u00a0 PRINCIPIO DE INMEDIATEZ COMO REQUISITO DE \u00a0 PROCEDIBILIDAD DE LA ACCION DE TUTELA CONTRA PROVIDENCIAS JUDICIALES-T\u00e9rmino superior a seis (6) meses para \u00a0 interponer la acci\u00f3n no se considera razonable salvo que haya justificaci\u00f3n para \u00a0 la inactividad del accionante \u00a0 \u00a0 A partir del examen \u00a0 realizado por ...<br \/><div class=\"pt-cv-rmwrap\"><a href=\"https:\/\/www.dmsjuridica.com\/buscador_20179478954\/corteconstitucionalcronologico202454587\/t-936-13\/\" class=\"_self pt-cv-readmore btn btn-success\" target=\"_self\">Ver Sentencia Completa...<\/a><\/div><\/div><\/div><\/div>\n<div class=\"col-md-12 col-sm-12 col-xs-12 pt-cv-content-item pt-cv-1-col\" ><div class='pt-cv-ifield'><a href=\"https:\/\/www.dmsjuridica.com\/buscador_20179478954\/corteconstitucionalcronologico202454587\/t-933-13\/\" class=\"_self pt-cv-href-thumbnail pt-cv-thumb-default\" target=\"_self\" ><\/a>\n<div class=\"pt-cv-taxoterm above_title\"><a href='https:\/\/www.dmsjuridica.com\/buscador_20179478954\/corteconstitucionalcronologico202454587\/category\/buscar-en-toda-la-corte\/2013\/tutelas-2013\/' title='Tutelas 2013' class='pt-cv-tax-tutelas-2013'>Tutelas 2013<\/a><\/div>\n<h4 class=\"pt-cv-title\"><a href=\"https:\/\/www.dmsjuridica.com\/buscador_20179478954\/corteconstitucionalcronologico202454587\/t-933-13\/\" class=\"_self\" target=\"_self\" >T-933-13<\/a><\/h4>\n<div class=\"pt-cv-content\">\u00a0 \u00a0 \u00a0 \u00a0 \u00a0 \u00a0T-933-13 \u00a0 \u00a0 \u00a0 \u00a0 \u00a0 \u00a0\u00a0 NOTA DE RELATORIA: En \u00a0 cumplimiento del auto de fecha 5 de abril de 2016, proferido por la Sala S\u00e9ptima \u00a0 de Revisi\u00f3n, Magistrado Ponente Jorge Ignacio Pretelt Chaljub, se orden\u00f3 retirar \u00a0 de la presente sentencia los nombres de los accionantes y, en su lugar, \u00a0 reemplazarlos por nombres ficticios. \u00a0 \u00a0 \u00a0 Sentencia \u00a0 T-933\/13 \u00a0 \u00a0 PERSONAS CON DISCAPACIDAD COMO SUJETOS DE \u00a0 ESPECIAL PROTECCION CONSTITUCIONAL-Protecci\u00f3n nacional e internacional \u00a0 \u00a0 Debido a la exclusi\u00f3n social que han tenido \u00a0 que soportar injustificadamente las personas ...<br \/><div class=\"pt-cv-rmwrap\"><a href=\"https:\/\/www.dmsjuridica.com\/buscador_20179478954\/corteconstitucionalcronologico202454587\/t-933-13\/\" class=\"_self pt-cv-readmore btn btn-success\" target=\"_self\">Ver Sentencia Completa...<\/a><\/div><\/div><\/div><\/div>\n<div class=\"col-md-12 col-sm-12 col-xs-12 pt-cv-content-item pt-cv-1-col\" ><div class='pt-cv-ifield'><a href=\"https:\/\/www.dmsjuridica.com\/buscador_20179478954\/corteconstitucionalcronologico202454587\/t-932-13\/\" class=\"_self pt-cv-href-thumbnail pt-cv-thumb-default\" target=\"_self\" ><\/a>\n<div class=\"pt-cv-taxoterm above_title\"><a href='https:\/\/www.dmsjuridica.com\/buscador_20179478954\/corteconstitucionalcronologico202454587\/category\/buscar-en-toda-la-corte\/2013\/tutelas-2013\/' title='Tutelas 2013' class='pt-cv-tax-tutelas-2013'>Tutelas 2013<\/a><\/div>\n<h4 class=\"pt-cv-title\"><a href=\"https:\/\/www.dmsjuridica.com\/buscador_20179478954\/corteconstitucionalcronologico202454587\/t-932-13\/\" class=\"_self\" target=\"_self\" >T-932-13<\/a><\/h4>\n<div class=\"pt-cv-content\">\u00a0 \u00a0 \u00a0 \u00a0 \u00a0 \u00a0T-932-13 \u00a0 \u00a0 \u00a0 \u00a0 \u00a0 \u00a0\u00a0 Sentencia T-932\/13 \u00a0 \u00a0 AGENCIA OFICIOSA DE PERSONAS QUE SE ENCUENTRAN PRESTANDO SERVICIO MILITAR \u00a0 OBLIGATORIO-L\u00ednea \u00a0 jurisprudencial \u00a0 \u00a0 Es \u00a0 evidente que la acci\u00f3n de tutela no necesariamente debe incoarla el titular \u00a0 leg\u00edtimo del derecho que se considera vulnerado, sino que tambi\u00e9n existe la \u00a0 posibilidad de ser solicitada por quien no lo es,\u00a0 cuando quien vea \u00a0 vulnerado sus derechos se encuentre en un estado f\u00edsico y\/o mental que le impida \u00a0 interponer personal y aut\u00f3nomamente la acci\u00f3n. De manera que para poder accionar ...<br \/><div class=\"pt-cv-rmwrap\"><a href=\"https:\/\/www.dmsjuridica.com\/buscador_20179478954\/corteconstitucionalcronologico202454587\/t-932-13\/\" class=\"_self pt-cv-readmore btn btn-success\" target=\"_self\">Ver Sentencia Completa...<\/a><\/div><\/div><\/div><\/div>\n<div class=\"col-md-12 col-sm-12 col-xs-12 pt-cv-content-item pt-cv-1-col\" ><div class='pt-cv-ifield'><a href=\"https:\/\/www.dmsjuridica.com\/buscador_20179478954\/corteconstitucionalcronologico202454587\/t-931-13\/\" class=\"_self pt-cv-href-thumbnail pt-cv-thumb-default\" target=\"_self\" ><\/a>\n<div class=\"pt-cv-taxoterm above_title\"><a href='https:\/\/www.dmsjuridica.com\/buscador_20179478954\/corteconstitucionalcronologico202454587\/category\/buscar-en-toda-la-corte\/2013\/tutelas-2013\/' title='Tutelas 2013' class='pt-cv-tax-tutelas-2013'>Tutelas 2013<\/a><\/div>\n<h4 class=\"pt-cv-title\"><a href=\"https:\/\/www.dmsjuridica.com\/buscador_20179478954\/corteconstitucionalcronologico202454587\/t-931-13\/\" class=\"_self\" target=\"_self\" >T-931-13<\/a><\/h4>\n<div class=\"pt-cv-content\">\u00a0 \u00a0 \u00a0 \u00a0 \u00a0 \u00a0T-931-13 \u00a0 \u00a0 \u00a0 \u00a0 \u00a0 \u00a0\u00a0 Sentencia T-931\/13 \u00a0 \u00a0 ACCION DE TUTELA PARA RECONOCIMIENTO DE DERECHOS \u00a0 PENSIONALES-Procedencia excepcional \u00a0 por ser sujetos de especial protecci\u00f3n \u00a0 \u00a0 ACCION DE TUTELA PARA EL RECONOCIMIENTO DE \u00a0 INDEMNIZACION SUSTITUTIVA DE PENSION DE VEJEZ-Procedencia cuando afecta m\u00ednimo vital y dem\u00e1s derechos \u00a0 de personas de la tercera edad \u00a0 \u00a0 DERECHO A LA SEGURIDAD SOCIAL-Consagraci\u00f3n constitucional\/CONSAGRACION DE LA \u00a0 SEGURIDAD SOCIAL EN LOS INTRUMENTOS JURIDICOS INTERNACIONALES \u00a0 \u00a0 La indemnizaci\u00f3n sustitutiva es un \u00a0 beneficio pensional que se otorga a las personas que cumplen de ...<br \/><div class=\"pt-cv-rmwrap\"><a href=\"https:\/\/www.dmsjuridica.com\/buscador_20179478954\/corteconstitucionalcronologico202454587\/t-931-13\/\" class=\"_self pt-cv-readmore btn btn-success\" target=\"_self\">Ver Sentencia Completa...<\/a><\/div><\/div><\/div><\/div>\n<div class=\"col-md-12 col-sm-12 col-xs-12 pt-cv-content-item pt-cv-1-col\" ><div class='pt-cv-ifield'><a href=\"https:\/\/www.dmsjuridica.com\/buscador_20179478954\/corteconstitucionalcronologico202454587\/t-930a-13\/\" class=\"_self pt-cv-href-thumbnail pt-cv-thumb-default\" target=\"_self\" ><\/a>\n<div class=\"pt-cv-taxoterm above_title\"><a href='https:\/\/www.dmsjuridica.com\/buscador_20179478954\/corteconstitucionalcronologico202454587\/category\/buscar-en-toda-la-corte\/2013\/tutelas-2013\/' title='Tutelas 2013' class='pt-cv-tax-tutelas-2013'>Tutelas 2013<\/a><\/div>\n<h4 class=\"pt-cv-title\"><a href=\"https:\/\/www.dmsjuridica.com\/buscador_20179478954\/corteconstitucionalcronologico202454587\/t-930a-13\/\" class=\"_self\" target=\"_self\" >T-930A-13<\/a><\/h4>\n<div class=\"pt-cv-content\">\u00a0 \u00a0 \u00a0 \u00a0 \u00a0 \u00a0T-930A-13 \u00a0 \u00a0 \u00a0 \u00a0 \u00a0 \u00a0\u00a0 Sentencia T-930A\/13 \u00a0 \u00a0 ACCION DE TUTELA CONTRA PROVIDENCIAS JUDICIALES-Improcedencia general \u00a0 \u00a0 ACCION DE TUTELA CONTRA PROVIDENCIAS JUDICIALES-Procedencia excepcional para la protecci\u00f3n de derechos \u00a0 fundamentales \u00a0 \u00a0 ACCION DE TUTELA CONTRA PROVIDENCIAS JUDICIALES-Requisitos generales y especiales de procedibilidad \u00a0 \u00a0 DEFECTO FACTICO-Vulneraci\u00f3n por errada apreciaci\u00f3n de las pruebas o por excluirlas \u00a0 injustificadamente de valoraci\u00f3n\/DEFECTO FACTICO POR INDEBIDA VALORACION \u00a0 PROBATORIA-Configuraci\u00f3n \u00a0 \u00a0 La muy excepcional y restringida intervenci\u00f3n del juez de tutela en asuntos \u00a0 probatorios de los procesos surtidos ante otras jurisdicciones, \u00fanicamente puede ...<br \/><div class=\"pt-cv-rmwrap\"><a href=\"https:\/\/www.dmsjuridica.com\/buscador_20179478954\/corteconstitucionalcronologico202454587\/t-930a-13\/\" class=\"_self pt-cv-readmore btn btn-success\" target=\"_self\">Ver Sentencia Completa...<\/a><\/div><\/div><\/div><\/div>\n<div class=\"col-md-12 col-sm-12 col-xs-12 pt-cv-content-item pt-cv-1-col\" ><div class='pt-cv-ifield'><a href=\"https:\/\/www.dmsjuridica.com\/buscador_20179478954\/corteconstitucionalcronologico202454587\/t-930-13\/\" class=\"_self pt-cv-href-thumbnail pt-cv-thumb-default\" target=\"_self\" ><\/a>\n<div class=\"pt-cv-taxoterm above_title\"><a href='https:\/\/www.dmsjuridica.com\/buscador_20179478954\/corteconstitucionalcronologico202454587\/category\/buscar-en-toda-la-corte\/2013\/tutelas-2013\/' title='Tutelas 2013' class='pt-cv-tax-tutelas-2013'>Tutelas 2013<\/a><\/div>\n<h4 class=\"pt-cv-title\"><a href=\"https:\/\/www.dmsjuridica.com\/buscador_20179478954\/corteconstitucionalcronologico202454587\/t-930-13\/\" class=\"_self\" target=\"_self\" >T-930-13<\/a><\/h4>\n<div class=\"pt-cv-content\">\u00a0 \u00a0 \u00a0 \u00a0 \u00a0 \u00a0T-930-13 \u00a0 \u00a0 \u00a0 \u00a0 \u00a0 \u00a0\u00a0 Sentencia T-930\/13 \u00a0 \u00a0 PRINCIPIO DE \u00a0 SUBSDIDIARIEDAD EN MATERIA DE SALUD-Mecanismo jurisdiccional que se ejerce ante la \u00a0 Superintendencia de Salud no ha sido reglamentado y por tanto, no es id\u00f3neo y \u00a0 eficaz para la defensa de los derechos de los usuarios \u00a0 \u00a0 Al asumir el an\u00e1lisis sobre la competencia preferente de la Superintendencia \u00a0 Nacional de Salud, es necesario hacer una distinci\u00f3n entre la naturaleza de los \u00a0 asuntos sometidos a su conocimiento; de un lado deben observarse los relativos a \u00a0 (i) conflictos ...<br \/><div class=\"pt-cv-rmwrap\"><a href=\"https:\/\/www.dmsjuridica.com\/buscador_20179478954\/corteconstitucionalcronologico202454587\/t-930-13\/\" class=\"_self pt-cv-readmore btn btn-success\" target=\"_self\">Ver Sentencia Completa...<\/a><\/div><\/div><\/div><\/div>\n<div class=\"col-md-12 col-sm-12 col-xs-12 pt-cv-content-item pt-cv-1-col\" ><div class='pt-cv-ifield'><a href=\"https:\/\/www.dmsjuridica.com\/buscador_20179478954\/corteconstitucionalcronologico202454587\/t-929-13\/\" class=\"_self pt-cv-href-thumbnail pt-cv-thumb-default\" target=\"_self\" ><\/a>\n<div class=\"pt-cv-taxoterm above_title\"><a href='https:\/\/www.dmsjuridica.com\/buscador_20179478954\/corteconstitucionalcronologico202454587\/category\/buscar-en-toda-la-corte\/2013\/tutelas-2013\/' title='Tutelas 2013' class='pt-cv-tax-tutelas-2013'>Tutelas 2013<\/a><\/div>\n<h4 class=\"pt-cv-title\"><a href=\"https:\/\/www.dmsjuridica.com\/buscador_20179478954\/corteconstitucionalcronologico202454587\/t-929-13\/\" class=\"_self\" target=\"_self\" >T-929-13<\/a><\/h4>\n<div class=\"pt-cv-content\">\u00a0 \u00a0 \u00a0 \u00a0 \u00a0 \u00a0T-929-13 \u00a0 \u00a0 \u00a0 \u00a0 \u00a0 \u00a0\u00a0 Sentencia T-929\/13 \u00a0 \u00a0 \u00a0(Bogot\u00e1 D.C., diciembre 6) \u00a0 \u00a0 DEFINICION DE \u00a0 VICTIMA PARA EFECTOS DE LA ATENCION, ASISTENCIA Y REPARACION INTEGRAL \u00a0 ESTABLECIDA EN LA LEY 1448 DE 2011-Comprende a todas \u00a0 aquellas personas que hubieren sufrido un da\u00f1o en los t\u00e9rminos de la ley \u00a0 \u00a0 ACCION DE \u00a0 TUTELA CONTRA LA UNIDAD ADMINISTRATIVA PARA LA ATENCION Y REPARACION INTEGRAL DE \u00a0 LAS VICTIMAS-Improcedencia de reconocimiento de \u00a0 indemnizaci\u00f3n, por cuanto no se acreditaron requisitos, seg\u00fan lo establecido en \u00a0 la SU254\/13 \u00a0 \u00a0 DERECHO ...<br \/><div class=\"pt-cv-rmwrap\"><a href=\"https:\/\/www.dmsjuridica.com\/buscador_20179478954\/corteconstitucionalcronologico202454587\/t-929-13\/\" class=\"_self pt-cv-readmore btn btn-success\" target=\"_self\">Ver Sentencia Completa...<\/a><\/div><\/div><\/div><\/div>\n<div class=\"col-md-12 col-sm-12 col-xs-12 pt-cv-content-item pt-cv-1-col\" ><div class='pt-cv-ifield'><a href=\"https:\/\/www.dmsjuridica.com\/buscador_20179478954\/corteconstitucionalcronologico202454587\/t-928-13\/\" class=\"_self pt-cv-href-thumbnail pt-cv-thumb-default\" target=\"_self\" ><\/a>\n<div class=\"pt-cv-taxoterm above_title\"><a href='https:\/\/www.dmsjuridica.com\/buscador_20179478954\/corteconstitucionalcronologico202454587\/category\/buscar-en-toda-la-corte\/2013\/tutelas-2013\/' title='Tutelas 2013' class='pt-cv-tax-tutelas-2013'>Tutelas 2013<\/a><\/div>\n<h4 class=\"pt-cv-title\"><a href=\"https:\/\/www.dmsjuridica.com\/buscador_20179478954\/corteconstitucionalcronologico202454587\/t-928-13\/\" class=\"_self\" target=\"_self\" >T-928-13<\/a><\/h4>\n<div class=\"pt-cv-content\">\u00a0 \u00a0 \u00a0 \u00a0 \u00a0 \u00a0T-928-13 \u00a0 \u00a0 \u00a0 \u00a0 \u00a0 \u00a0\u00a0 (Bogot\u00e1, \u00a0 D.C., diciembre 6) \u00a0 \u00a0 ACCION DE TUTELA Y REQUISITO DE \u00a0 SUBSIDIARIEDAD-Agotamiento previo de medios espec\u00edficos de defensa previstos \u00a0 en la regulaci\u00f3n com\u00fan \u00a0 \u00a0 INDEMNIZACION SUSTITUTIVA DE LA \u00a0 PENSION DE VEJEZ-Improcedencia por no afectar derechos fundamentales y por \u00a0 no haber agotado los medios ordinarios de defensa\/INDEMNIZACION SUSTITUTIVA \u00a0 DE LA PENSION DE VEJEZ-Improcedencia de tutela por falta de legitimaci\u00f3n por pasiva \u00a0 \u00a0 La acci\u00f3n de tutela es improcedente cuando se dirige la demanda en contra de una \u00a0 persona diferente ...<br \/><div class=\"pt-cv-rmwrap\"><a href=\"https:\/\/www.dmsjuridica.com\/buscador_20179478954\/corteconstitucionalcronologico202454587\/t-928-13\/\" class=\"_self pt-cv-readmore btn btn-success\" target=\"_self\">Ver Sentencia Completa...<\/a><\/div><\/div><\/div><\/div>\n<div class=\"col-md-12 col-sm-12 col-xs-12 pt-cv-content-item pt-cv-1-col\" ><div class='pt-cv-ifield'><a href=\"https:\/\/www.dmsjuridica.com\/buscador_20179478954\/corteconstitucionalcronologico202454587\/t-927-13\/\" class=\"_self pt-cv-href-thumbnail pt-cv-thumb-default\" target=\"_self\" ><\/a>\n<div class=\"pt-cv-taxoterm above_title\"><a href='https:\/\/www.dmsjuridica.com\/buscador_20179478954\/corteconstitucionalcronologico202454587\/category\/buscar-en-toda-la-corte\/2013\/tutelas-2013\/' title='Tutelas 2013' class='pt-cv-tax-tutelas-2013'>Tutelas 2013<\/a><\/div>\n<h4 class=\"pt-cv-title\"><a href=\"https:\/\/www.dmsjuridica.com\/buscador_20179478954\/corteconstitucionalcronologico202454587\/t-927-13\/\" class=\"_self\" target=\"_self\" >T-927-13<\/a><\/h4>\n<div class=\"pt-cv-content\">\u00a0 \u00a0 \u00a0 \u00a0 \u00a0 \u00a0T-927-13 \u00a0 \u00a0 \u00a0 \u00a0 \u00a0 \u00a0\u00a0 Sentencia T-927\/13 \u00a0 \u00a0 (Bogot\u00e1 D. \u00a0 C., diciembre 6) \u00a0 \u00a0 CARENCIA ACTUAL DE OBJETO POR \u00a0 HECHO SUPERADO-Configuraci\u00f3n \u00a0 \u00a0 La Corte Constitucional en abundante jurisprudencia, ha \u00a0 explicado que la carencia actual de objeto por hecho superado, se origina cuando \u00a0 desaparece la afectaci\u00f3n al derecho fundamental invocado. La acci\u00f3n de tutela \u00a0 pretende evitar la vulneraci\u00f3n de derechos fundamentales y su eficacia est\u00e1 \u00a0 atada a la posibilidad de que el juez constitucional profiera \u00f3rdenes que \u00a0 conduzcan a evitar la vulneraci\u00f3n inminente o ...<br \/><div class=\"pt-cv-rmwrap\"><a href=\"https:\/\/www.dmsjuridica.com\/buscador_20179478954\/corteconstitucionalcronologico202454587\/t-927-13\/\" class=\"_self pt-cv-readmore btn btn-success\" target=\"_self\">Ver Sentencia Completa...<\/a><\/div><\/div><\/div><\/div>\n<div class=\"col-md-12 col-sm-12 col-xs-12 pt-cv-content-item pt-cv-1-col\" ><div class='pt-cv-ifield'><a href=\"https:\/\/www.dmsjuridica.com\/buscador_20179478954\/corteconstitucionalcronologico202454587\/t-926-13\/\" class=\"_self pt-cv-href-thumbnail pt-cv-thumb-default\" target=\"_self\" ><\/a>\n<div class=\"pt-cv-taxoterm above_title\"><a href='https:\/\/www.dmsjuridica.com\/buscador_20179478954\/corteconstitucionalcronologico202454587\/category\/buscar-en-toda-la-corte\/2013\/tutelas-2013\/' title='Tutelas 2013' class='pt-cv-tax-tutelas-2013'>Tutelas 2013<\/a><\/div>\n<h4 class=\"pt-cv-title\"><a href=\"https:\/\/www.dmsjuridica.com\/buscador_20179478954\/corteconstitucionalcronologico202454587\/t-926-13\/\" class=\"_self\" target=\"_self\" >T-926-13<\/a><\/h4>\n<div class=\"pt-cv-content\">\u00a0 \u00a0 \u00a0 \u00a0 \u00a0 \u00a0T-926-13 \u00a0 \u00a0 \u00a0 \u00a0 \u00a0 \u00a0\u00a0 Sentencia T-926\/13 \u00a0 \u00a0 (Bogot\u00e1, \u00a0 D.C., Diciembre 6) \u00a0 \u00a0 DERECHO DE \u00a0 PETICION-Relaci\u00f3n existente con otros derechos \u00a0 fundamentales \u00a0 \u00a0 DERECHO AL \u00a0 HABEAS DATA-Alcance y contenido \u00a0 \u00a0 HABEAS DATA-Posibilidad de ejercerlo cuando se presenta inexactitud en historia \u00a0 laboral para solicitar pensi\u00f3n de vejez\/DEBER CONSTITUCIONAL DE LA DEBIDA \u00a0 GESTION Y ADMINISTRACION DE ARCHIVOS \u00a0 \u00a0 Para la Corte los principios del habeas \u00a0 data implica deberes constitucionales para las entidades que custodian y \u00a0 administran la informaci\u00f3n contenida en archivos y bases ...<br \/><div class=\"pt-cv-rmwrap\"><a href=\"https:\/\/www.dmsjuridica.com\/buscador_20179478954\/corteconstitucionalcronologico202454587\/t-926-13\/\" class=\"_self pt-cv-readmore btn btn-success\" target=\"_self\">Ver Sentencia Completa...<\/a><\/div><\/div><\/div><\/div>\n<div class=\"col-md-12 col-sm-12 col-xs-12 pt-cv-content-item pt-cv-1-col\" ><div class='pt-cv-ifield'><a href=\"https:\/\/www.dmsjuridica.com\/buscador_20179478954\/corteconstitucionalcronologico202454587\/t-925-13\/\" class=\"_self pt-cv-href-thumbnail pt-cv-thumb-default\" target=\"_self\" ><\/a>\n<div class=\"pt-cv-taxoterm above_title\"><a href='https:\/\/www.dmsjuridica.com\/buscador_20179478954\/corteconstitucionalcronologico202454587\/category\/buscar-en-toda-la-corte\/2013\/tutelas-2013\/' title='Tutelas 2013' class='pt-cv-tax-tutelas-2013'>Tutelas 2013<\/a><\/div>\n<h4 class=\"pt-cv-title\"><a href=\"https:\/\/www.dmsjuridica.com\/buscador_20179478954\/corteconstitucionalcronologico202454587\/t-925-13\/\" class=\"_self\" target=\"_self\" >T-925-13<\/a><\/h4>\n<div class=\"pt-cv-content\">\u00a0 \u00a0 \u00a0 \u00a0 \u00a0 \u00a0T-925-13 \u00a0 \u00a0 \u00a0 \u00a0 \u00a0 \u00a0\u00a0 Sentencia T-925\/13 \u00a0 \u00a0 (Diciembre 6) \u00a0 \u00a0 ACCION DE \u00a0 TUTELA CONTRA ACTOS DE CARACTER GENERAL, IMPERSONAL Y ABSTRACTO-Improcedencia \u00a0 \u00a0 El numeral 5\u00ba del art\u00edculo 6\u00ba del Decreto \u00a0 2591 de 1991 establece que la acci\u00f3n de tutela no constituye el medio id\u00f3neo \u00a0 para controvertir actos de contenido general, impersonal y abstracto, puesto que \u00a0 para tal fin el ordenamiento ha dise\u00f1ado otros mecanismos de control judicial en \u00a0 la jurisdicci\u00f3n de lo contencioso administrativo, los cuales son id\u00f3neos para \u00a0 solventar las controversias y ...<br \/><div class=\"pt-cv-rmwrap\"><a href=\"https:\/\/www.dmsjuridica.com\/buscador_20179478954\/corteconstitucionalcronologico202454587\/t-925-13\/\" class=\"_self pt-cv-readmore btn btn-success\" target=\"_self\">Ver Sentencia Completa...<\/a><\/div><\/div><\/div><\/div>\n<div class=\"col-md-12 col-sm-12 col-xs-12 pt-cv-content-item pt-cv-1-col\" ><div class='pt-cv-ifield'><a href=\"https:\/\/www.dmsjuridica.com\/buscador_20179478954\/corteconstitucionalcronologico202454587\/t-924a-13\/\" class=\"_self pt-cv-href-thumbnail pt-cv-thumb-default\" target=\"_self\" ><\/a>\n<div class=\"pt-cv-taxoterm above_title\"><a href='https:\/\/www.dmsjuridica.com\/buscador_20179478954\/corteconstitucionalcronologico202454587\/category\/buscar-en-toda-la-corte\/2013\/tutelas-2013\/' title='Tutelas 2013' class='pt-cv-tax-tutelas-2013'>Tutelas 2013<\/a><\/div>\n<h4 class=\"pt-cv-title\"><a href=\"https:\/\/www.dmsjuridica.com\/buscador_20179478954\/corteconstitucionalcronologico202454587\/t-924a-13\/\" class=\"_self\" target=\"_self\" >T-924A-13<\/a><\/h4>\n<div class=\"pt-cv-content\">\u00a0 \u00a0 \u00a0 \u00a0 \u00a0 \u00a0T-924A-13 \u00a0 \u00a0 \u00a0 \u00a0 \u00a0 \u00a0\u00a0 Sentencia T-924A\/13 \u00a0 \u00a0 PRINCIPIO DE SUBSIDIARIEDAD-Procedencia de la acci\u00f3n de tutela para \u00a0 evitar un perjuicio irremediable pese a existir otro medio de defensa judicial \u00a0 \u00a0 Ante la existencia de otro \u00a0 medio de defensa judicial, la acci\u00f3n de tutela es improcedente, salvo que se \u00a0 configure un perjuicio irremediable lo que la har\u00eda procedente como mecanismo \u00a0 transitorio o que el otro medio de defensa judicial no resulte id\u00f3neo ni eficaz \u00a0 para la protecci\u00f3n de derechos fundamentales, evento en el cual la tutela \u00a0 ...<br \/><div class=\"pt-cv-rmwrap\"><a href=\"https:\/\/www.dmsjuridica.com\/buscador_20179478954\/corteconstitucionalcronologico202454587\/t-924a-13\/\" class=\"_self pt-cv-readmore btn btn-success\" target=\"_self\">Ver Sentencia Completa...<\/a><\/div><\/div><\/div><\/div>\n<div class=\"col-md-12 col-sm-12 col-xs-12 pt-cv-content-item pt-cv-1-col\" ><div class='pt-cv-ifield'><a href=\"https:\/\/www.dmsjuridica.com\/buscador_20179478954\/corteconstitucionalcronologico202454587\/t-924-13\/\" class=\"_self pt-cv-href-thumbnail pt-cv-thumb-default\" target=\"_self\" ><\/a>\n<div class=\"pt-cv-taxoterm above_title\"><a href='https:\/\/www.dmsjuridica.com\/buscador_20179478954\/corteconstitucionalcronologico202454587\/category\/buscar-en-toda-la-corte\/2013\/tutelas-2013\/' title='Tutelas 2013' class='pt-cv-tax-tutelas-2013'>Tutelas 2013<\/a><\/div>\n<h4 class=\"pt-cv-title\"><a href=\"https:\/\/www.dmsjuridica.com\/buscador_20179478954\/corteconstitucionalcronologico202454587\/t-924-13\/\" class=\"_self\" target=\"_self\" >T-924-13<\/a><\/h4>\n<div class=\"pt-cv-content\">\u00a0 \u00a0 \u00a0 \u00a0 \u00a0 \u00a0T-924-13 \u00a0 \u00a0 \u00a0 \u00a0 \u00a0 \u00a0\u00a0 Sentencia T-924\/13 \u00a0 \u00a0 (Bogot\u00e1, D.C., \u00a0 Diciembre 6) \u00a0 \u00a0 PRINCIPIO DE \u00a0 SUBSDIDIARIEDAD EN MATERIA DE SALUD-Mecanismo \u00a0 jurisdiccional que se ejerce ante la Superintendencia de Salud no ha sido \u00a0 reglamentado y por tanto, no es id\u00f3neo y eficaz para la defensa de los derechos \u00a0 de los usuarios \u00a0 \u00a0 JURISPRUDENCIA \u00a0 CONSTITUCIONAL SOBRE LOS TRATAMIENTOS DE FERTILIDAD \u00a0 \u00a0 LINEA \u00a0 JURISPRUDENCIAL SOBRE EL ALCANCE DE LA ACCION DE TUTELA EN RELACION CON \u00a0 TRATAMIENTOS DE INFERTILIDAD \u00a0 \u00a0 Este tribunal constitucional, al ...<br \/><div class=\"pt-cv-rmwrap\"><a href=\"https:\/\/www.dmsjuridica.com\/buscador_20179478954\/corteconstitucionalcronologico202454587\/t-924-13\/\" class=\"_self pt-cv-readmore btn btn-success\" target=\"_self\">Ver Sentencia Completa...<\/a><\/div><\/div><\/div><\/div>\n<div class=\"col-md-12 col-sm-12 col-xs-12 pt-cv-content-item pt-cv-1-col\" ><div class='pt-cv-ifield'><a href=\"https:\/\/www.dmsjuridica.com\/buscador_20179478954\/corteconstitucionalcronologico202454587\/t-923-13\/\" class=\"_self pt-cv-href-thumbnail pt-cv-thumb-default\" target=\"_self\" ><\/a>\n<div class=\"pt-cv-taxoterm above_title\"><a href='https:\/\/www.dmsjuridica.com\/buscador_20179478954\/corteconstitucionalcronologico202454587\/category\/buscar-en-toda-la-corte\/2013\/tutelas-2013\/' title='Tutelas 2013' class='pt-cv-tax-tutelas-2013'>Tutelas 2013<\/a><\/div>\n<h4 class=\"pt-cv-title\"><a href=\"https:\/\/www.dmsjuridica.com\/buscador_20179478954\/corteconstitucionalcronologico202454587\/t-923-13\/\" class=\"_self\" target=\"_self\" >T-923-13<\/a><\/h4>\n<div class=\"pt-cv-content\">Sentencia \u00a0 T-923\/13 \u00a0 \u00a0 ACCION DE \u00a0 TUTELA CONTRA PROVIDENCIAS JUDICIALES-Requisitos generales y especiales de \u00a0 procedibilidad \u00a0 \u00a0 CARACTERIZACION DEL DEFECTO PROCEDIMENTAL COMO CAUSAL ESPECIFICA DE \u00a0 PROCEDIBILIDAD DE LA ACCION DE TUTELA CONTRA PROVIDENCIAS JUDICIALES \u00a0 \u00a0 Se est\u00e1 ante un defecto de esta naturaleza \u00a0 cuando al funcionario judicial se equivoca en la escogencia de la ritualidad \u00a0 procesal, en las disposiciones que regulan el desarrollo de la actuaci\u00f3n y \u00a0 adelanta el proceso por caminos procesales inadecuados, ya sea porque las normas \u00a0 rituales aplicadas han dejado de existir \u2013 evento en el cual concurre ...<br \/><div class=\"pt-cv-rmwrap\"><a href=\"https:\/\/www.dmsjuridica.com\/buscador_20179478954\/corteconstitucionalcronologico202454587\/t-923-13\/\" class=\"_self pt-cv-readmore btn btn-success\" target=\"_self\">Ver Sentencia Completa...<\/a><\/div><\/div><\/div><\/div>\n<div class=\"col-md-12 col-sm-12 col-xs-12 pt-cv-content-item pt-cv-1-col\" ><div class='pt-cv-ifield'><a href=\"https:\/\/www.dmsjuridica.com\/buscador_20179478954\/corteconstitucionalcronologico202454587\/t-922a-13\/\" class=\"_self pt-cv-href-thumbnail pt-cv-thumb-default\" target=\"_self\" ><\/a>\n<div class=\"pt-cv-taxoterm above_title\"><a href='https:\/\/www.dmsjuridica.com\/buscador_20179478954\/corteconstitucionalcronologico202454587\/category\/buscar-en-toda-la-corte\/2013\/tutelas-2013\/' title='Tutelas 2013' class='pt-cv-tax-tutelas-2013'>Tutelas 2013<\/a><\/div>\n<h4 class=\"pt-cv-title\"><a href=\"https:\/\/www.dmsjuridica.com\/buscador_20179478954\/corteconstitucionalcronologico202454587\/t-922a-13\/\" class=\"_self\" target=\"_self\" >T-922A-13<\/a><\/h4>\n<div class=\"pt-cv-content\">\u00a0 \u00a0 \u00a0 \u00a0 \u00a0 \u00a0T-922A-13 \u00a0 \u00a0 \u00a0 \u00a0 \u00a0 \u00a0\u00a0 \u00a0Sentencia \u00a0 T-922A\/13 \u00a0 \u00a0 LEGITIMACION EN LA CAUSA POR ACTIVA Y AGENCIA OFICIOSA \u00a0 EN LA ACCION DE TUTELA-Requisitos \u00a0 \u00a0 AGENCIA \u00a0 OFICIOSA EN PROCESOS DE TUTELA-Principios fundamentales \u00a0 \u00a0 Esta Corporaci\u00f3n en su jurisprudencia, fundamenta la \u00a0 validez de la agencia oficiosa a partir de tres principios constitucionales: (i) \u00a0 el principio de la eficacia de los derechos fundamentales, que impone a la \u00a0 administraci\u00f3n la ampliaci\u00f3n de mecanismos institucionales, con el fin de \u00a0 realizar efectivamente este tipo de derechos; (ii) el principio de ...<br \/><div class=\"pt-cv-rmwrap\"><a href=\"https:\/\/www.dmsjuridica.com\/buscador_20179478954\/corteconstitucionalcronologico202454587\/t-922a-13\/\" class=\"_self pt-cv-readmore btn btn-success\" target=\"_self\">Ver Sentencia Completa...<\/a><\/div><\/div><\/div><\/div>\n<div class=\"col-md-12 col-sm-12 col-xs-12 pt-cv-content-item pt-cv-1-col\" ><div class='pt-cv-ifield'><a href=\"https:\/\/www.dmsjuridica.com\/buscador_20179478954\/corteconstitucionalcronologico202454587\/t-922-13\/\" class=\"_self pt-cv-href-thumbnail pt-cv-thumb-default\" target=\"_self\" ><\/a>\n<div class=\"pt-cv-taxoterm above_title\"><a href='https:\/\/www.dmsjuridica.com\/buscador_20179478954\/corteconstitucionalcronologico202454587\/category\/buscar-en-toda-la-corte\/2013\/tutelas-2013\/' title='Tutelas 2013' class='pt-cv-tax-tutelas-2013'>Tutelas 2013<\/a><\/div>\n<h4 class=\"pt-cv-title\"><a href=\"https:\/\/www.dmsjuridica.com\/buscador_20179478954\/corteconstitucionalcronologico202454587\/t-922-13\/\" class=\"_self\" target=\"_self\" >T-922-13<\/a><\/h4>\n<div class=\"pt-cv-content\">\u00a0 \u00a0 \u00a0 \u00a0 \u00a0 \u00a0T-922-13 \u00a0 \u00a0 \u00a0 \u00a0 \u00a0 \u00a0\u00a0 Sentencia T-922\/13 \u00a0 \u00a0 LEGITIMACION \u00a0 POR ACTIVA EN TUTELA-Padres del menor son los primeros llamados a asumir la \u00a0 representaci\u00f3n de su hijo\/LEGITIMACION POR ACTIVA EN TUTELA-Cualquier \u00a0 persona puede exigir el cumplimiento de los derechos de los ni\u00f1os \u00a0 \u00a0 La \u00a0 representaci\u00f3n judicial de los menores de edad, seg\u00fan lo se\u00f1alado en el Art\u00edculo \u00a0 306 del C\u00f3digo Civil, le corresponde a los padres. Adicionalmente, el Art\u00edculo \u00a0 44 de la Constituci\u00f3n, establece que cualquier persona que observe la amenaza a \u00a0 los derechos fundamentales ...<br \/><div class=\"pt-cv-rmwrap\"><a href=\"https:\/\/www.dmsjuridica.com\/buscador_20179478954\/corteconstitucionalcronologico202454587\/t-922-13\/\" class=\"_self pt-cv-readmore btn btn-success\" target=\"_self\">Ver Sentencia Completa...<\/a><\/div><\/div><\/div><\/div>\n<div class=\"col-md-12 col-sm-12 col-xs-12 pt-cv-content-item pt-cv-1-col\" ><div class='pt-cv-ifield'><a href=\"https:\/\/www.dmsjuridica.com\/buscador_20179478954\/corteconstitucionalcronologico202454587\/t-921-13\/\" class=\"_self pt-cv-href-thumbnail pt-cv-thumb-default\" target=\"_self\" ><\/a>\n<div class=\"pt-cv-taxoterm above_title\"><a href='https:\/\/www.dmsjuridica.com\/buscador_20179478954\/corteconstitucionalcronologico202454587\/category\/buscar-en-toda-la-corte\/2013\/tutelas-2013\/' title='Tutelas 2013' class='pt-cv-tax-tutelas-2013'>Tutelas 2013<\/a><\/div>\n<h4 class=\"pt-cv-title\"><a href=\"https:\/\/www.dmsjuridica.com\/buscador_20179478954\/corteconstitucionalcronologico202454587\/t-921-13\/\" class=\"_self\" target=\"_self\" >T-921-13<\/a><\/h4>\n<div class=\"pt-cv-content\">\u00a0 \u00a0 \u00a0 \u00a0 \u00a0 \u00a0T-921-13 \u00a0 \u00a0 \u00a0 \u00a0 \u00a0 \u00a0\u00a0 Sentencia T-921\/13 \u00a0 \u00a0\u00a0 ACCION DE TUTELA CONTRA PROVIDENCIAS JUDICIALES-Requisitos generales y especiales de procedibilidad \u00a0 \u00a0 ELEMENTOS DE LA JURISDICCION INDIGENA-Territorial, personal, institucional y objetivo \u00a0 \u00a0 LIMITES AL EJERCICIO DE LA JURISDICCION INDIGENA-Jurisprudencia constitucional \u00a0 \u00a0 La jurisprudencia constitucional ha reconocido la \u00a0 existencia de las siguientes limitaciones al ejercicio de la jurisdicci\u00f3n \u00a0 ind\u00edgena: (i) Los derechos fundamentales y la plena vigencia de \u00e9stos \u00faltimos en \u00a0 los territorios ind\u00edgenas. En este sentido, no podr\u00e1 afectarse el n\u00facleo duro de \u00a0 los derechos humanos; (ii) ...<br \/><div class=\"pt-cv-rmwrap\"><a href=\"https:\/\/www.dmsjuridica.com\/buscador_20179478954\/corteconstitucionalcronologico202454587\/t-921-13\/\" class=\"_self pt-cv-readmore btn btn-success\" target=\"_self\">Ver Sentencia Completa...<\/a><\/div><\/div><\/div><\/div>\n<div class=\"col-md-12 col-sm-12 col-xs-12 pt-cv-content-item pt-cv-1-col\" ><div class='pt-cv-ifield'><a href=\"https:\/\/www.dmsjuridica.com\/buscador_20179478954\/corteconstitucionalcronologico202454587\/t-920-13\/\" class=\"_self pt-cv-href-thumbnail pt-cv-thumb-default\" target=\"_self\" ><\/a>\n<div class=\"pt-cv-taxoterm above_title\"><a href='https:\/\/www.dmsjuridica.com\/buscador_20179478954\/corteconstitucionalcronologico202454587\/category\/buscar-en-toda-la-corte\/2013\/tutelas-2013\/' title='Tutelas 2013' class='pt-cv-tax-tutelas-2013'>Tutelas 2013<\/a><\/div>\n<h4 class=\"pt-cv-title\"><a href=\"https:\/\/www.dmsjuridica.com\/buscador_20179478954\/corteconstitucionalcronologico202454587\/t-920-13\/\" class=\"_self\" target=\"_self\" >T-920-13<\/a><\/h4>\n<div class=\"pt-cv-content\">\u00a0 \u00a0 \u00a0 \u00a0 \u00a0 \u00a0T-920-13 \u00a0 \u00a0 \u00a0 \u00a0 \u00a0 \u00a0\u00a0 DERECHO A LA SALUD COMO DERECHO FUNDAMENTAL \u00a0 AUTONOMO-Evoluci\u00f3n \u00a0 jurisprudencial \u00a0 \u00a0 Sobre la naturaleza del derecho, \u00a0 inicialmente, la jurisprudencia consider\u00f3 que el mismo era un derecho \u00a0 prestacional. La fundamentalidad depend\u00eda entonces, de su v\u00ednculo con otro \u00a0 derecho distinguido como fundamental \u2013 tesis de la conexidad \u2013, y por tanto solo \u00a0 pod\u00eda ser protegida por v\u00eda de tutela cuando su vulneraci\u00f3n implicara la \u00a0 afectaci\u00f3n de otros derechos de car\u00e1cter fundamental, como el derecho a la vida, \u00a0 la dignidad humana o la ...<br \/><div class=\"pt-cv-rmwrap\"><a href=\"https:\/\/www.dmsjuridica.com\/buscador_20179478954\/corteconstitucionalcronologico202454587\/t-920-13\/\" class=\"_self pt-cv-readmore btn btn-success\" target=\"_self\">Ver Sentencia Completa...<\/a><\/div><\/div><\/div><\/div>\n<div class=\"col-md-12 col-sm-12 col-xs-12 pt-cv-content-item pt-cv-1-col\" ><div class='pt-cv-ifield'><a href=\"https:\/\/www.dmsjuridica.com\/buscador_20179478954\/corteconstitucionalcronologico202454587\/t-919-13\/\" class=\"_self pt-cv-href-thumbnail pt-cv-thumb-default\" target=\"_self\" ><\/a>\n<div class=\"pt-cv-taxoterm above_title\"><a href='https:\/\/www.dmsjuridica.com\/buscador_20179478954\/corteconstitucionalcronologico202454587\/category\/buscar-en-toda-la-corte\/2013\/tutelas-2013\/' title='Tutelas 2013' class='pt-cv-tax-tutelas-2013'>Tutelas 2013<\/a><\/div>\n<h4 class=\"pt-cv-title\"><a href=\"https:\/\/www.dmsjuridica.com\/buscador_20179478954\/corteconstitucionalcronologico202454587\/t-919-13\/\" class=\"_self\" target=\"_self\" >T-919-13<\/a><\/h4>\n<div class=\"pt-cv-content\">\u00a0 \u00a0 \u00a0 \u00a0 \u00a0 \u00a0T-919-13 \u00a0 \u00a0 \u00a0 \u00a0 \u00a0 \u00a0\u00a0 Sentencia T-919\/13 \u00a0 \u00a0 DERECHO FUNDAMENTAL A LA SALUD-Naturaleza y alcance \u00a0 \u00a0 El derecho a la \u00a0 salud es fundamental de manera aut\u00f3noma, de acuerdo con la jurisprudencia \u00a0 constitucional, su contenido m\u00ednimo as\u00ed como aquellos definidos por v\u00edas \u00a0 normativas como la ley y la jurisprudencia son de inmediato cumplimiento. Los \u00a0 dem\u00e1s contenidos deben irse ampliando y desarrollando paulatinamente conforme al \u00a0 principio de progresividad y no regresi\u00f3n. \u00a0 \u00a0 FUNDAMENTALIDAD DEL DERECHO A LA SALUD-Principios rectores como oportunidad, \u00a0 eficiencia, calidad, integralidad, continuidad \u00a0 ...<br \/><div class=\"pt-cv-rmwrap\"><a href=\"https:\/\/www.dmsjuridica.com\/buscador_20179478954\/corteconstitucionalcronologico202454587\/t-919-13\/\" class=\"_self pt-cv-readmore btn btn-success\" target=\"_self\">Ver Sentencia Completa...<\/a><\/div><\/div><\/div><\/div>\n<div class=\"col-md-12 col-sm-12 col-xs-12 pt-cv-content-item pt-cv-1-col\" ><div class='pt-cv-ifield'><a href=\"https:\/\/www.dmsjuridica.com\/buscador_20179478954\/corteconstitucionalcronologico202454587\/t-916-13\/\" class=\"_self pt-cv-href-thumbnail pt-cv-thumb-default\" target=\"_self\" ><\/a>\n<div class=\"pt-cv-taxoterm above_title\"><a href='https:\/\/www.dmsjuridica.com\/buscador_20179478954\/corteconstitucionalcronologico202454587\/category\/buscar-en-toda-la-corte\/2013\/tutelas-2013\/' title='Tutelas 2013' class='pt-cv-tax-tutelas-2013'>Tutelas 2013<\/a><\/div>\n<h4 class=\"pt-cv-title\"><a href=\"https:\/\/www.dmsjuridica.com\/buscador_20179478954\/corteconstitucionalcronologico202454587\/t-916-13\/\" class=\"_self\" target=\"_self\" >T-916-13<\/a><\/h4>\n<div class=\"pt-cv-content\">\u00a0 \u00a0 \u00a0 \u00a0 \u00a0 \u00a0T-916-13 \u00a0 \u00a0 \u00a0 \u00a0 \u00a0 \u00a0\u00a0 NOTA DE RELATORIA: mediante auto \u00a0 349 del 11 de noviembre de 2014, el cual se anexa en la parte final de la \u00a0 presente providencia, se corrige el numeral primero de la parte resolutiva, al \u00a0 igual que el numeral 4.1 de la parte motiva, en el sentido de establecer que la \u00a0 sentencia de primera instancia proferida por la Secci\u00f3n Segunda, Subsecci\u00f3n A de \u00a0 la Sala de lo Contencioso Administrativo del \u00a0Consejo de Estado, fue del a\u00f1o \u00a0 2012 y no 2013, como \u00a0err\u00f3neamente se ...<br \/><div class=\"pt-cv-rmwrap\"><a href=\"https:\/\/www.dmsjuridica.com\/buscador_20179478954\/corteconstitucionalcronologico202454587\/t-916-13\/\" class=\"_self pt-cv-readmore btn btn-success\" target=\"_self\">Ver Sentencia Completa...<\/a><\/div><\/div><\/div><\/div>\n<div class=\"col-md-12 col-sm-12 col-xs-12 pt-cv-content-item pt-cv-1-col\" ><div class='pt-cv-ifield'><a href=\"https:\/\/www.dmsjuridica.com\/buscador_20179478954\/corteconstitucionalcronologico202454587\/t-907-13\/\" class=\"_self pt-cv-href-thumbnail pt-cv-thumb-default\" target=\"_self\" ><\/a>\n<div class=\"pt-cv-taxoterm above_title\"><a href='https:\/\/www.dmsjuridica.com\/buscador_20179478954\/corteconstitucionalcronologico202454587\/category\/buscar-en-toda-la-corte\/2013\/tutelas-2013\/' title='Tutelas 2013' class='pt-cv-tax-tutelas-2013'>Tutelas 2013<\/a><\/div>\n<h4 class=\"pt-cv-title\"><a href=\"https:\/\/www.dmsjuridica.com\/buscador_20179478954\/corteconstitucionalcronologico202454587\/t-907-13\/\" class=\"_self\" target=\"_self\" >T-907-13<\/a><\/h4>\n<div class=\"pt-cv-content\">\u00a0 \u00a0 \u00a0 \u00a0 \u00a0 \u00a0T-907-13 \u00a0 \u00a0 \u00a0 \u00a0 \u00a0 \u00a0\u00a0 Sentencia T-907\/13 \u00a0 \u00a0 ACCION DE TUTELA \u00a0 PARA LA PROTECCION DE LOS DERECHOS FUNDAMENTALES DE LA POBLACION DESPLAZADA-Procedencia \u00a0 \u00a0 La acci\u00f3n de tutela procede cuando (i) no existan otros medios de defensa \u00a0 judiciales para la protecci\u00f3n del derecho amenazado o desconocido; cuando (ii) \u00a0 existiendo esos mecanismos no sean eficaces o id\u00f3neos para salvaguardar los \u00a0 derechos fundamentales en el marco del caso concreto, evento en que la tutela \u00a0 desplaza el medio ordinario de defensa; o cuando (iii) sea imprescindible la \u00a0 intervenci\u00f3n del ...<br \/><div class=\"pt-cv-rmwrap\"><a href=\"https:\/\/www.dmsjuridica.com\/buscador_20179478954\/corteconstitucionalcronologico202454587\/t-907-13\/\" class=\"_self pt-cv-readmore btn btn-success\" target=\"_self\">Ver Sentencia Completa...<\/a><\/div><\/div><\/div><\/div>\n<div class=\"col-md-12 col-sm-12 col-xs-12 pt-cv-content-item pt-cv-1-col\" ><div class='pt-cv-ifield'><a href=\"https:\/\/www.dmsjuridica.com\/buscador_20179478954\/corteconstitucionalcronologico202454587\/t-906-13\/\" class=\"_self pt-cv-href-thumbnail pt-cv-thumb-default\" target=\"_self\" ><\/a>\n<div class=\"pt-cv-taxoterm above_title\"><a href='https:\/\/www.dmsjuridica.com\/buscador_20179478954\/corteconstitucionalcronologico202454587\/category\/buscar-en-toda-la-corte\/2013\/tutelas-2013\/' title='Tutelas 2013' class='pt-cv-tax-tutelas-2013'>Tutelas 2013<\/a><\/div>\n<h4 class=\"pt-cv-title\"><a href=\"https:\/\/www.dmsjuridica.com\/buscador_20179478954\/corteconstitucionalcronologico202454587\/t-906-13\/\" class=\"_self\" target=\"_self\" >T-906-13<\/a><\/h4>\n<div class=\"pt-cv-content\">\u00a0 \u00a0 \u00a0 \u00a0 \u00a0 \u00a0T-906-13 \u00a0 \u00a0 \u00a0 \u00a0 \u00a0 \u00a0\u00a0 Sentencia T-906\/13 \u00a0 \u00a0 EMPLEADOR-Responsabilidad \u00a0 por omisi\u00f3n en el pago de aportes patronales y traslado de cotizaciones al \u00a0 sistema general de pensiones \u00a0 \u00a0 MORA EN EL PAGO DE APORTES Y \u00a0 COTIZACIONES PENSIONALES-Entidad administradora de pensiones no puede negar \u00a0 a un trabajador la pensi\u00f3n a que tiene derecho argumentando el incumplimiento \u00a0 del empleador en el pago de los aportes \u00a0 \u00a0 El pago oportuno de los aportes es una obligaci\u00f3n en \u00a0 cabeza del empleador y su correspondiente traslado a la entidad encargada ...<br \/><div class=\"pt-cv-rmwrap\"><a href=\"https:\/\/www.dmsjuridica.com\/buscador_20179478954\/corteconstitucionalcronologico202454587\/t-906-13\/\" class=\"_self pt-cv-readmore btn btn-success\" target=\"_self\">Ver Sentencia Completa...<\/a><\/div><\/div><\/div><\/div>\n<div class=\"col-md-12 col-sm-12 col-xs-12 pt-cv-content-item pt-cv-1-col\" ><div class='pt-cv-ifield'><a href=\"https:\/\/www.dmsjuridica.com\/buscador_20179478954\/corteconstitucionalcronologico202454587\/t-905-13\/\" class=\"_self pt-cv-href-thumbnail pt-cv-thumb-default\" target=\"_self\" ><\/a>\n<div class=\"pt-cv-taxoterm above_title\"><a href='https:\/\/www.dmsjuridica.com\/buscador_20179478954\/corteconstitucionalcronologico202454587\/category\/buscar-en-toda-la-corte\/2013\/tutelas-2013\/' title='Tutelas 2013' class='pt-cv-tax-tutelas-2013'>Tutelas 2013<\/a><\/div>\n<h4 class=\"pt-cv-title\"><a href=\"https:\/\/www.dmsjuridica.com\/buscador_20179478954\/corteconstitucionalcronologico202454587\/t-905-13\/\" class=\"_self\" target=\"_self\" >T-905-13<\/a><\/h4>\n<div class=\"pt-cv-content\">Sentencia T-905\/13 \u00a0 \u00a0 ACCION DE TUTELA CONTRA LA \u00a0 PROCURADURIA GENERAL DE LA NACION-Improcedencia por existir otro medio de \u00a0 defensa judicial en desvinculaci\u00f3n de funcionario por haber cumplido la edad de \u00a0 retiro forzoso \u00a0 \u00a0 ACCION DE TUTELA CONTRA LA \u00a0 PROCURADURIA GENERAL DE LA NACION-Improcedencia de reintegro a funcionario \u00a0 que fue desvinculado por llegar a la edad de retiro forzoso, por no acreditar \u00a0 perjuicio irremediable \u00a0 \u00a0 Referencia: \u00a0 expediente T-3984374 \u00a0 \u00a0 Acci\u00f3n de tutela instaurada por el se\u00f1or \u00c1lvaro Hern\u00e1ndez V\u00e1squez \u00a0 contra La Procuradur\u00eda General de la Naci\u00f3n. \u00a0 \u00a0 Magistrada ...<br \/><div class=\"pt-cv-rmwrap\"><a href=\"https:\/\/www.dmsjuridica.com\/buscador_20179478954\/corteconstitucionalcronologico202454587\/t-905-13\/\" class=\"_self pt-cv-readmore btn btn-success\" target=\"_self\">Ver Sentencia Completa...<\/a><\/div><\/div><\/div><\/div>\n<div class=\"col-md-12 col-sm-12 col-xs-12 pt-cv-content-item pt-cv-1-col\" ><div class='pt-cv-ifield'><a href=\"https:\/\/www.dmsjuridica.com\/buscador_20179478954\/corteconstitucionalcronologico202454587\/t-904-13\/\" class=\"_self pt-cv-href-thumbnail pt-cv-thumb-default\" target=\"_self\" ><\/a>\n<div class=\"pt-cv-taxoterm above_title\"><a href='https:\/\/www.dmsjuridica.com\/buscador_20179478954\/corteconstitucionalcronologico202454587\/category\/buscar-en-toda-la-corte\/2013\/tutelas-2013\/' title='Tutelas 2013' class='pt-cv-tax-tutelas-2013'>Tutelas 2013<\/a><\/div>\n<h4 class=\"pt-cv-title\"><a href=\"https:\/\/www.dmsjuridica.com\/buscador_20179478954\/corteconstitucionalcronologico202454587\/t-904-13\/\" class=\"_self\" target=\"_self\" >T-904-13<\/a><\/h4>\n<div class=\"pt-cv-content\">\u00a0 \u00a0 \u00a0 \u00a0 \u00a0 \u00a0T-904-13 \u00a0 \u00a0 \u00a0 \u00a0 \u00a0 \u00a0\u00a0 Sentencia T-904\/13 \u00a0 \u00a0 ACCION DE TUTELA CONTRA MEDIOS \u00a0 DE COMUNICACION-Excepciones al deber de solicitar previa rectificaci\u00f3n \u00a0 \u00a0 RECTIFICACION PREVIA NO EXIGIBLE \u00a0 COMO REQUISITO DE PROCEDIBILIDAD EN CASO DE INFORMACION VERDADERA VIOLATORIA DEL \u00a0 DERECHO A LA INTIMIDAD \u00a0 \u00a0 Cuando la tutela se dirige \u00a0 contra medios de comunicaci\u00f3n con el fin de solicitar la rectificaci\u00f3n de \u00a0 informaciones inexactas o err\u00f3neas, el agraviado debe dirigirse al medio de \u00a0 comunicaci\u00f3n para solicitar la rectificaci\u00f3n de la informaci\u00f3n publicada antes \u00a0 de acudir a ...<br \/><div class=\"pt-cv-rmwrap\"><a href=\"https:\/\/www.dmsjuridica.com\/buscador_20179478954\/corteconstitucionalcronologico202454587\/t-904-13\/\" class=\"_self pt-cv-readmore btn btn-success\" target=\"_self\">Ver Sentencia Completa...<\/a><\/div><\/div><\/div><\/div>\n<div class=\"col-md-12 col-sm-12 col-xs-12 pt-cv-content-item pt-cv-1-col\" ><div class='pt-cv-ifield'><a href=\"https:\/\/www.dmsjuridica.com\/buscador_20179478954\/corteconstitucionalcronologico202454587\/t-903-13\/\" class=\"_self pt-cv-href-thumbnail pt-cv-thumb-default\" target=\"_self\" ><\/a>\n<div class=\"pt-cv-taxoterm above_title\"><a href='https:\/\/www.dmsjuridica.com\/buscador_20179478954\/corteconstitucionalcronologico202454587\/category\/buscar-en-toda-la-corte\/2013\/tutelas-2013\/' title='Tutelas 2013' class='pt-cv-tax-tutelas-2013'>Tutelas 2013<\/a><\/div>\n<h4 class=\"pt-cv-title\"><a href=\"https:\/\/www.dmsjuridica.com\/buscador_20179478954\/corteconstitucionalcronologico202454587\/t-903-13\/\" class=\"_self\" target=\"_self\" >T-903-13<\/a><\/h4>\n<div class=\"pt-cv-content\">\u00a0 \u00a0 \u00a0 \u00a0 \u00a0 \u00a0T-903-13 \u00a0 \u00a0 \u00a0 \u00a0 \u00a0 \u00a0\u00a0 Sentencia T-903\/13 \u00a0 \u00a0\u00a0 PRINCIPIO DE \u00a0 SOLIDARIDAD FRENTE A VICTIMAS DE DESASTRES NATURALES-Reiteraci\u00f3n de jurisprudencia \u00a0 \u00a0 \u201cLas v\u00edctimas de desastres naturales \u00a0 tienen derecho a recibir apoyo para superar la crisis a la que repentinamente se \u00a0 exponen la cual incluye, en muchos casos, la p\u00e9rdida del lugar en donde sol\u00edan \u00a0 vivir. Para el efecto, las administraciones locales deben implementar planes que \u00a0 progresivamente avancen sobre dicho objetivo hasta lograr una estabilidad que \u00a0 garantice su derecho a una vivienda digna y, todos los dem\u00e1s ...<br \/><div class=\"pt-cv-rmwrap\"><a href=\"https:\/\/www.dmsjuridica.com\/buscador_20179478954\/corteconstitucionalcronologico202454587\/t-903-13\/\" class=\"_self pt-cv-readmore btn btn-success\" target=\"_self\">Ver Sentencia Completa...<\/a><\/div><\/div><\/div><\/div>\n<div class=\"col-md-12 col-sm-12 col-xs-12 pt-cv-content-item pt-cv-1-col\" ><div class='pt-cv-ifield'><a href=\"https:\/\/www.dmsjuridica.com\/buscador_20179478954\/corteconstitucionalcronologico202454587\/t-902-13\/\" class=\"_self pt-cv-href-thumbnail pt-cv-thumb-default\" target=\"_self\" ><\/a>\n<div class=\"pt-cv-taxoterm above_title\"><a href='https:\/\/www.dmsjuridica.com\/buscador_20179478954\/corteconstitucionalcronologico202454587\/category\/buscar-en-toda-la-corte\/2013\/tutelas-2013\/' title='Tutelas 2013' class='pt-cv-tax-tutelas-2013'>Tutelas 2013<\/a><\/div>\n<h4 class=\"pt-cv-title\"><a href=\"https:\/\/www.dmsjuridica.com\/buscador_20179478954\/corteconstitucionalcronologico202454587\/t-902-13\/\" class=\"_self\" target=\"_self\" >T-902-13<\/a><\/h4>\n<div class=\"pt-cv-content\">\u00a0 \u00a0 \u00a0 \u00a0 \u00a0 \u00a0T-902-13 \u00a0 \u00a0 \u00a0 \u00a0 \u00a0 \u00a0\u00a0 Sentencia T-902\/13 \u00a0 \u00a0 ACCION DE TUTELA \u00a0 FRENTE A CONTRATO DE SEGUROS-Procedencia excepcional cuando el margen \u00a0 de desigualdad existente entre las partes es tal que establece una situaci\u00f3n de \u00a0 indefensi\u00f3n\/ACCION DE TUTELA CONTRA ENTIDADES FINANCIERAS Y ASEGURADORAS-Procedencia \u00a0 excepcional cuando prestan un servicio p\u00fablico o actividad de inter\u00e9s p\u00fablico \u00a0 \u00a0 ACCION DE TUTELA CONTRA COMPA\u00d1IA DE SEGUROS DE VIDA-Procedencia para \u00a0 el pago de p\u00f3liza cuando se trata de sujetos de especial protecci\u00f3n \u00a0 constitucional y los medios ordinarios no son id\u00f3neos \u00a0 \u00a0 ...<br \/><div class=\"pt-cv-rmwrap\"><a href=\"https:\/\/www.dmsjuridica.com\/buscador_20179478954\/corteconstitucionalcronologico202454587\/t-902-13\/\" class=\"_self pt-cv-readmore btn btn-success\" target=\"_self\">Ver Sentencia Completa...<\/a><\/div><\/div><\/div><\/div>\n<div class=\"col-md-12 col-sm-12 col-xs-12 pt-cv-content-item pt-cv-1-col\" ><div class='pt-cv-ifield'><a href=\"https:\/\/www.dmsjuridica.com\/buscador_20179478954\/corteconstitucionalcronologico202454587\/t-901-13\/\" class=\"_self pt-cv-href-thumbnail pt-cv-thumb-default\" target=\"_self\" ><\/a>\n<div class=\"pt-cv-taxoterm above_title\"><a href='https:\/\/www.dmsjuridica.com\/buscador_20179478954\/corteconstitucionalcronologico202454587\/category\/buscar-en-toda-la-corte\/2013\/tutelas-2013\/' title='Tutelas 2013' class='pt-cv-tax-tutelas-2013'>Tutelas 2013<\/a><\/div>\n<h4 class=\"pt-cv-title\"><a href=\"https:\/\/www.dmsjuridica.com\/buscador_20179478954\/corteconstitucionalcronologico202454587\/t-901-13\/\" class=\"_self\" target=\"_self\" >T-901-13<\/a><\/h4>\n<div class=\"pt-cv-content\">\u00a0 \u00a0 \u00a0 \u00a0 \u00a0 \u00a0T-901-13 \u00a0 \u00a0 \u00a0 \u00a0 \u00a0 \u00a0\u00a0 Sentencia T-901\/13 \u00a0 \u00a0 PRINCIPIO DE \u00a0 INMUNIDAD DE JURISDICCION DE LOS ESTADOS-Concepto \u00a0 \u00a0 El principio de inmunidad jurisdiccional \u00a0 hace referencia a la improcedencia de llevar a un Estado, o sus agentes, ante \u00a0 los tribunales de otro Estado, por hechos ocurridos en territorio del segundo, y \u00a0 originados en el ejercicio de funciones diplom\u00e1ticas o consulares. El principio \u00a0 comporta entonces una restricci\u00f3n a la soberan\u00eda territorial de un Estado en \u00a0 beneficio de la soberan\u00eda nacional de otro. \u00a0 \u00a0 INMUNIDAD DE \u00a0 JURISDICCION-Origen\/INMUNIDAD ...<br \/><div class=\"pt-cv-rmwrap\"><a href=\"https:\/\/www.dmsjuridica.com\/buscador_20179478954\/corteconstitucionalcronologico202454587\/t-901-13\/\" class=\"_self pt-cv-readmore btn btn-success\" target=\"_self\">Ver Sentencia Completa...<\/a><\/div><\/div><\/div><\/div>\n<div class=\"col-md-12 col-sm-12 col-xs-12 pt-cv-content-item pt-cv-1-col\" ><div class='pt-cv-ifield'><a href=\"https:\/\/www.dmsjuridica.com\/buscador_20179478954\/corteconstitucionalcronologico202454587\/t-900-13\/\" class=\"_self pt-cv-href-thumbnail pt-cv-thumb-default\" target=\"_self\" ><\/a>\n<div class=\"pt-cv-taxoterm above_title\"><a href='https:\/\/www.dmsjuridica.com\/buscador_20179478954\/corteconstitucionalcronologico202454587\/category\/buscar-en-toda-la-corte\/2013\/tutelas-2013\/' title='Tutelas 2013' class='pt-cv-tax-tutelas-2013'>Tutelas 2013<\/a><\/div>\n<h4 class=\"pt-cv-title\"><a href=\"https:\/\/www.dmsjuridica.com\/buscador_20179478954\/corteconstitucionalcronologico202454587\/t-900-13\/\" class=\"_self\" target=\"_self\" >T-900-13<\/a><\/h4>\n<div class=\"pt-cv-content\">\u00a0 \u00a0 \u00a0 \u00a0 \u00a0 \u00a0T-900-13 \u00a0 \u00a0 \u00a0 \u00a0 \u00a0 \u00a0\u00a0 Nota de Relator\u00eda:\u00a0 Con \u00a0 el auto 036 de fecha 17 de febrero de 2014, el cual se anexa al final de esta \u00a0 providencia, se corrige el error en que se incurri\u00f3 en el numeral segundo de la \u00a0 parte resolutiva, referente a la direcci\u00f3n de la vivienda de los accionantes en \u00a0 donde se debe realizar la obra ordenada en el fallo. \u00a0 \u00a0\u00a0 Sentencia T-900\/13 \u00a0 \u00a0 DERECHO AL AMBIENTE SANO-Garant\u00eda constitucional que tienen los habitantes del \u00a0 territorio colombiano para gozar de un entorno ...<br \/><div class=\"pt-cv-rmwrap\"><a href=\"https:\/\/www.dmsjuridica.com\/buscador_20179478954\/corteconstitucionalcronologico202454587\/t-900-13\/\" class=\"_self pt-cv-readmore btn btn-success\" target=\"_self\">Ver Sentencia Completa...<\/a><\/div><\/div><\/div><\/div>\n<div class=\"col-md-12 col-sm-12 col-xs-12 pt-cv-content-item pt-cv-1-col\" ><div class='pt-cv-ifield'><a href=\"https:\/\/www.dmsjuridica.com\/buscador_20179478954\/corteconstitucionalcronologico202454587\/t-899-13\/\" class=\"_self pt-cv-href-thumbnail pt-cv-thumb-default\" target=\"_self\" ><\/a>\n<div class=\"pt-cv-taxoterm above_title\"><a href='https:\/\/www.dmsjuridica.com\/buscador_20179478954\/corteconstitucionalcronologico202454587\/category\/buscar-en-toda-la-corte\/2013\/tutelas-2013\/' title='Tutelas 2013' class='pt-cv-tax-tutelas-2013'>Tutelas 2013<\/a><\/div>\n<h4 class=\"pt-cv-title\"><a href=\"https:\/\/www.dmsjuridica.com\/buscador_20179478954\/corteconstitucionalcronologico202454587\/t-899-13\/\" class=\"_self\" target=\"_self\" >T-899-13<\/a><\/h4>\n<div class=\"pt-cv-content\">\u00a0 \u00a0 \u00a0 \u00a0 \u00a0 \u00a0T-899-13 \u00a0 \u00a0 \u00a0 \u00a0 \u00a0 \u00a0\u00a0 Sentencia T-899\/13 \u00a0 \u00a0 ACCION DE TUTELA CONTRA PARTICULARES-Procedencia cuando se evidencia estado de \u00a0 indefensi\u00f3n o subordinaci\u00f3n en materia laboral \u00a0 \u00a0 ACCION DE TUTELA CONTRA PARTICULARES \u00a0 CUANDO EXISTE UNA RELACION DE INDEFENSION O SUBORDINACION-Jurisprudencia constitucional sobre \u00a0 procedencia excepcional \u00a0 \u00a0 Interesa en el presente caso el \u00a0 entendimiento y alcance que la jurisprudencia constitucional le ha dado al \u00a0 numeral 9\u00ba del art\u00edculo 42 superior, primero en cuanto a la subordinaci\u00f3n, que \u00a0 se refiere a la condici\u00f3n de una persona que la hace ...<br \/><div class=\"pt-cv-rmwrap\"><a href=\"https:\/\/www.dmsjuridica.com\/buscador_20179478954\/corteconstitucionalcronologico202454587\/t-899-13\/\" class=\"_self pt-cv-readmore btn btn-success\" target=\"_self\">Ver Sentencia Completa...<\/a><\/div><\/div><\/div><\/div>\n<div class=\"col-md-12 col-sm-12 col-xs-12 pt-cv-content-item pt-cv-1-col\" ><div class='pt-cv-ifield'><a href=\"https:\/\/www.dmsjuridica.com\/buscador_20179478954\/corteconstitucionalcronologico202454587\/t-898-13\/\" class=\"_self pt-cv-href-thumbnail pt-cv-thumb-default\" target=\"_self\" ><\/a>\n<div class=\"pt-cv-taxoterm above_title\"><a href='https:\/\/www.dmsjuridica.com\/buscador_20179478954\/corteconstitucionalcronologico202454587\/category\/buscar-en-toda-la-corte\/2013\/tutelas-2013\/' title='Tutelas 2013' class='pt-cv-tax-tutelas-2013'>Tutelas 2013<\/a><\/div>\n<h4 class=\"pt-cv-title\"><a href=\"https:\/\/www.dmsjuridica.com\/buscador_20179478954\/corteconstitucionalcronologico202454587\/t-898-13\/\" class=\"_self\" target=\"_self\" >T-898-13<\/a><\/h4>\n<div class=\"pt-cv-content\">\u00a0 \u00a0 \u00a0 \u00a0 \u00a0 \u00a0T-898-13 \u00a0 \u00a0 \u00a0 \u00a0 \u00a0 \u00a0\u00a0 Sentencia T-898\/13 \u00a0 \u00a0 ACCION DE \u00a0 TUTELA PARA LA PROTECCION DE LOS DERECHOS FUNDAMENTALES DE LA POBLACION \u00a0 DESPLAZADA-Procedencia \u00a0 \u00a0 DESPLAZADOS \u00a0 INTERNOS-Concepto\/INSCRIPCION EN EL REGISTRO UNICO DE POBLACION \u00a0 DESPLAZADA-Reglas \u00a0 \u00a0 REGISTRO \u00a0 UNICO DE VICTIMAS-Caso en que se niega inscripci\u00f3n en el Registro \u00danico de \u00a0 V\u00edctimas \u00a0 \u00a0 ACCION DE TUTELA EN \u00a0 MATERIA DE DESPLAZAMIENTO FORZADO-Orden a la UARIV inscribir a la accionante y a su \u00a0 grupo familiar en el RUV \u00a0 \u00a0 Encuentra \u00a0 la Sala que la negativa ...<br \/><div class=\"pt-cv-rmwrap\"><a href=\"https:\/\/www.dmsjuridica.com\/buscador_20179478954\/corteconstitucionalcronologico202454587\/t-898-13\/\" class=\"_self pt-cv-readmore btn btn-success\" target=\"_self\">Ver Sentencia Completa...<\/a><\/div><\/div><\/div><\/div>\n<div class=\"col-md-12 col-sm-12 col-xs-12 pt-cv-content-item pt-cv-1-col\" ><div class='pt-cv-ifield'><a href=\"https:\/\/www.dmsjuridica.com\/buscador_20179478954\/corteconstitucionalcronologico202454587\/t-897-13\/\" class=\"_self pt-cv-href-thumbnail pt-cv-thumb-default\" target=\"_self\" ><\/a>\n<div class=\"pt-cv-taxoterm above_title\"><a href='https:\/\/www.dmsjuridica.com\/buscador_20179478954\/corteconstitucionalcronologico202454587\/category\/buscar-en-toda-la-corte\/2013\/tutelas-2013\/' title='Tutelas 2013' class='pt-cv-tax-tutelas-2013'>Tutelas 2013<\/a><\/div>\n<h4 class=\"pt-cv-title\"><a href=\"https:\/\/www.dmsjuridica.com\/buscador_20179478954\/corteconstitucionalcronologico202454587\/t-897-13\/\" class=\"_self\" target=\"_self\" >T-897-13<\/a><\/h4>\n<div class=\"pt-cv-content\">\u00a0 \u00a0 \u00a0 \u00a0 \u00a0 \u00a0T-897-13 \u00a0 \u00a0 \u00a0 \u00a0 \u00a0 \u00a0\u00a0 Sentencia T-897\/13 \u00a0 \u00a0\u00a0 DERECHO A LA SALUD COMO DERECHO FUNDAMENTAL-Reiteraci\u00f3n \u00a0 de jurisprudencia sobre protecci\u00f3n por tutela \u00a0 \u00a0 HECHO SUPERADO-Concepto \u00a0 \u00a0 CARENCIA ACTUAL DE OBJETO POR HECHO \u00a0 SUPERADO-Caso en que se \u00a0 llev\u00f3 a cabo afiliaci\u00f3n a EPS \u00a0 \u00a0 Referencia: expediente \u00a0 T-3.986.061 \u00a0 \u00a0 Acci\u00f3n de tutela instaurada por \u00a0 Pedro Alonso Ramos G\u00e1rnica contra Convida EPS. \u00a0 \u00a0 Procedencia: Juzgado 27 Civil \u00a0 Municipal de Bogot\u00e1. \u00a0 \u00a0 Magistrado ponente: \u00a0 \u00a0 NILSON PINILLA PINILLA \u00a0 \u00a0 Bogot\u00e1, D. C., tres ...<br \/><div class=\"pt-cv-rmwrap\"><a href=\"https:\/\/www.dmsjuridica.com\/buscador_20179478954\/corteconstitucionalcronologico202454587\/t-897-13\/\" class=\"_self pt-cv-readmore btn btn-success\" target=\"_self\">Ver Sentencia Completa...<\/a><\/div><\/div><\/div><\/div>\n<div class=\"col-md-12 col-sm-12 col-xs-12 pt-cv-content-item pt-cv-1-col\" ><div class='pt-cv-ifield'><a href=\"https:\/\/www.dmsjuridica.com\/buscador_20179478954\/corteconstitucionalcronologico202454587\/t-896-13\/\" class=\"_self pt-cv-href-thumbnail pt-cv-thumb-default\" target=\"_self\" ><\/a>\n<div class=\"pt-cv-taxoterm above_title\"><a href='https:\/\/www.dmsjuridica.com\/buscador_20179478954\/corteconstitucionalcronologico202454587\/category\/buscar-en-toda-la-corte\/2013\/tutelas-2013\/' title='Tutelas 2013' class='pt-cv-tax-tutelas-2013'>Tutelas 2013<\/a><\/div>\n<h4 class=\"pt-cv-title\"><a href=\"https:\/\/www.dmsjuridica.com\/buscador_20179478954\/corteconstitucionalcronologico202454587\/t-896-13\/\" class=\"_self\" target=\"_self\" >T-896-13<\/a><\/h4>\n<div class=\"pt-cv-content\">\u00a0 \u00a0 \u00a0 \u00a0 \u00a0 \u00a0T-896-13 \u00a0 \u00a0 \u00a0 \u00a0 \u00a0 \u00a0\u00a0 Sentencia T-896\/13 \u00a0 \u00a0\u00a0 AGENCIA OFICIOSA EN TUTELA-Requisitos \u00a0 \u00a0 LEGITIMACION POR ACTIVA EN TUTELA-Cualquier \u00a0 persona puede exigir el cumplimiento de los derechos de los ni\u00f1os \u00a0 \u00a0 Cuando se trata de tutelar los derechos de los ni\u00f1os, la \u00a0 jurisprudencia constitucional\u00a0 ha se\u00f1alado que la agencia oficiosa \u00a0 encuentra su fundamento constitucional en el art\u00edculo 44, y por tanto: \u00a0 \u201ccualquier persona puede exigir de la autoridad competente la protecci\u00f3n o el \u00a0 ejercicio pleno de los derechos del menor. Es decir, en estos casos no ...<br \/><div class=\"pt-cv-rmwrap\"><a href=\"https:\/\/www.dmsjuridica.com\/buscador_20179478954\/corteconstitucionalcronologico202454587\/t-896-13\/\" class=\"_self pt-cv-readmore btn btn-success\" target=\"_self\">Ver Sentencia Completa...<\/a><\/div><\/div><\/div><\/div>\n<div class=\"col-md-12 col-sm-12 col-xs-12 pt-cv-content-item pt-cv-1-col\" ><div class='pt-cv-ifield'><a href=\"https:\/\/www.dmsjuridica.com\/buscador_20179478954\/corteconstitucionalcronologico202454587\/t-895-13\/\" class=\"_self pt-cv-href-thumbnail pt-cv-thumb-default\" target=\"_self\" ><\/a>\n<div class=\"pt-cv-taxoterm above_title\"><a href='https:\/\/www.dmsjuridica.com\/buscador_20179478954\/corteconstitucionalcronologico202454587\/category\/buscar-en-toda-la-corte\/2013\/tutelas-2013\/' title='Tutelas 2013' class='pt-cv-tax-tutelas-2013'>Tutelas 2013<\/a><\/div>\n<h4 class=\"pt-cv-title\"><a href=\"https:\/\/www.dmsjuridica.com\/buscador_20179478954\/corteconstitucionalcronologico202454587\/t-895-13\/\" class=\"_self\" target=\"_self\" >T-895-13<\/a><\/h4>\n<div class=\"pt-cv-content\">\u00a0 \u00a0 \u00a0 \u00a0 \u00a0 \u00a0T-895-13 \u00a0 \u00a0 \u00a0 \u00a0 \u00a0 \u00a0\u00a0 Sentencia T-895\/13 \u00a0 \u00a0 CLASIFICACION DE INTERNOS-Normatividad que faculta al INPEC para categorizar a \u00a0 personas privadas de la libertad \u00a0 \u00a0 Existen par\u00e1metros reglados que no solo facultan al INPEC para categorizar a los \u00a0 internos puestos bajo su custodia, sino que los mismos son de obligatorio \u00a0 cumplimiento, toda vez que est\u00e1n contenidos en un c\u00f3digo que por su naturaleza \u00a0 es de orden p\u00fablico. Por su parte, el art\u00edculo 144 del C\u00f3digo Penitenciario y \u00a0 Carcelario regula cada una de las etapas que se deben ...<br \/><div class=\"pt-cv-rmwrap\"><a href=\"https:\/\/www.dmsjuridica.com\/buscador_20179478954\/corteconstitucionalcronologico202454587\/t-895-13\/\" class=\"_self pt-cv-readmore btn btn-success\" target=\"_self\">Ver Sentencia Completa...<\/a><\/div><\/div><\/div><\/div>\n<div class=\"col-md-12 col-sm-12 col-xs-12 pt-cv-content-item pt-cv-1-col\" ><div class='pt-cv-ifield'><a href=\"https:\/\/www.dmsjuridica.com\/buscador_20179478954\/corteconstitucionalcronologico202454587\/t-894-13\/\" class=\"_self pt-cv-href-thumbnail pt-cv-thumb-default\" target=\"_self\" ><\/a>\n<div class=\"pt-cv-taxoterm above_title\"><a href='https:\/\/www.dmsjuridica.com\/buscador_20179478954\/corteconstitucionalcronologico202454587\/category\/buscar-en-toda-la-corte\/2013\/tutelas-2013\/' title='Tutelas 2013' class='pt-cv-tax-tutelas-2013'>Tutelas 2013<\/a><\/div>\n<h4 class=\"pt-cv-title\"><a href=\"https:\/\/www.dmsjuridica.com\/buscador_20179478954\/corteconstitucionalcronologico202454587\/t-894-13\/\" class=\"_self\" target=\"_self\" >T-894-13<\/a><\/h4>\n<div class=\"pt-cv-content\">\u00a0 \u00a0 \u00a0 \u00a0 \u00a0 \u00a0T-894-13 \u00a0 \u00a0 \u00a0 \u00a0 \u00a0 \u00a0\u00a0 Sentencia T-894\/13 \u00a0 \u00a0 DERECHO A LA \u00a0 SALUD-Desarrollo jurisprudencial sobre la configuraci\u00f3n de fundamental \u00a0 aut\u00f3nomo \u00a0 \u00a0 La salud es un derecho constitucional fundamental. En las \u00faltimas \u00a0 dos d\u00e9cadas, la Corte lo ha venido protegiendo por tres v\u00edas: (i) la primera, \u00a0 estableciendo su relaci\u00f3n de conexidad con el derecho a la vida, el derecho a la \u00a0 integridad personal y el derecho a la dignidad humana; (ii) la segunda ha sido \u00a0 reconociendo su naturaleza fundamental en contextos donde el accionante es un \u00a0 ...<br \/><div class=\"pt-cv-rmwrap\"><a href=\"https:\/\/www.dmsjuridica.com\/buscador_20179478954\/corteconstitucionalcronologico202454587\/t-894-13\/\" class=\"_self pt-cv-readmore btn btn-success\" target=\"_self\">Ver Sentencia Completa...<\/a><\/div><\/div><\/div><\/div>\n<div class=\"col-md-12 col-sm-12 col-xs-12 pt-cv-content-item pt-cv-1-col\" ><div class='pt-cv-ifield'><a href=\"https:\/\/www.dmsjuridica.com\/buscador_20179478954\/corteconstitucionalcronologico202454587\/t-893-13\/\" class=\"_self pt-cv-href-thumbnail pt-cv-thumb-default\" target=\"_self\" ><\/a>\n<div class=\"pt-cv-taxoterm above_title\"><a href='https:\/\/www.dmsjuridica.com\/buscador_20179478954\/corteconstitucionalcronologico202454587\/category\/buscar-en-toda-la-corte\/2013\/tutelas-2013\/' title='Tutelas 2013' class='pt-cv-tax-tutelas-2013'>Tutelas 2013<\/a><\/div>\n<h4 class=\"pt-cv-title\"><a href=\"https:\/\/www.dmsjuridica.com\/buscador_20179478954\/corteconstitucionalcronologico202454587\/t-893-13\/\" class=\"_self\" target=\"_self\" >T-893-13<\/a><\/h4>\n<div class=\"pt-cv-content\">\u00a0 \u00a0 \u00a0 \u00a0 \u00a0 \u00a0T-893-13 \u00a0 \u00a0 \u00a0 \u00a0 \u00a0 \u00a0\u00a0 Sentencia T-893\/13 \u00a0 \u00a0\u00a0 ACCION DE \u00a0 TUTELA PARA EL RECONOCIMIENTO DE PENSION DE INVALIDEZ A ENFERMO DE VIH\/SIDA-Procedencia \u00a0 por ser el mecanismo id\u00f3neo para la defensa de los derechos fundamentales del \u00a0 accionante y para lograr el reconocimiento de la prestaci\u00f3n pensional \u00a0 \u00a0 Atenta contra los postulados \u00a0 que predican la vigencia y el goce efectivo de los derechos fundamentales, que \u00a0 el juez de tutela aplique mec\u00e1nicamente la cl\u00e1usula de improcedencia de la \u00a0 acci\u00f3n para debatir el reconocimiento de acreencias prestacionales, alegando la ...<br \/><div class=\"pt-cv-rmwrap\"><a href=\"https:\/\/www.dmsjuridica.com\/buscador_20179478954\/corteconstitucionalcronologico202454587\/t-893-13\/\" class=\"_self pt-cv-readmore btn btn-success\" target=\"_self\">Ver Sentencia Completa...<\/a><\/div><\/div><\/div><\/div>\n<div class=\"col-md-12 col-sm-12 col-xs-12 pt-cv-content-item pt-cv-1-col\" ><div class='pt-cv-ifield'><a href=\"https:\/\/www.dmsjuridica.com\/buscador_20179478954\/corteconstitucionalcronologico202454587\/t-892-13\/\" class=\"_self pt-cv-href-thumbnail pt-cv-thumb-default\" target=\"_self\" ><\/a>\n<div class=\"pt-cv-taxoterm above_title\"><a href='https:\/\/www.dmsjuridica.com\/buscador_20179478954\/corteconstitucionalcronologico202454587\/category\/buscar-en-toda-la-corte\/2013\/tutelas-2013\/' title='Tutelas 2013' class='pt-cv-tax-tutelas-2013'>Tutelas 2013<\/a><\/div>\n<h4 class=\"pt-cv-title\"><a href=\"https:\/\/www.dmsjuridica.com\/buscador_20179478954\/corteconstitucionalcronologico202454587\/t-892-13\/\" class=\"_self\" target=\"_self\" >T-892-13<\/a><\/h4>\n<div class=\"pt-cv-content\">\u00a0 \u00a0 \u00a0 \u00a0 \u00a0 \u00a0T-892-13 \u00a0 \u00a0 \u00a0 \u00a0 \u00a0 \u00a0\u00a0 Sentencia T-892\/13 \u00a0 \u00a0 ACCION DE \u00a0 TUTELA PARA RECONOCIMIENTO DE DERECHOS PENSIONALES-Procedencia excepcional \u00a0 por ser sujetos de especial protecci\u00f3n \u00a0 \u00a0 Por regla \u00a0 general, la acci\u00f3n de tutela es improcedente para obtener el reconocimiento y \u00a0 pago de prestaciones de car\u00e1cter pensional, por cuanto para ello el legislador \u00a0 ha previsto otros medios judiciales de defensa. Sin embargo, trat\u00e1ndose de \u00a0 sujetos que por su condici\u00f3n econ\u00f3mica, f\u00edsica o mental se encuentren en \u00a0 circunstancia de debilidad manifiesta, tales como las personas de la tercera ...<br \/><div class=\"pt-cv-rmwrap\"><a href=\"https:\/\/www.dmsjuridica.com\/buscador_20179478954\/corteconstitucionalcronologico202454587\/t-892-13\/\" class=\"_self pt-cv-readmore btn btn-success\" target=\"_self\">Ver Sentencia Completa...<\/a><\/div><\/div><\/div><\/div>\n<div class=\"col-md-12 col-sm-12 col-xs-12 pt-cv-content-item pt-cv-1-col\" ><div class='pt-cv-ifield'><a href=\"https:\/\/www.dmsjuridica.com\/buscador_20179478954\/corteconstitucionalcronologico202454587\/t-891-13\/\" class=\"_self pt-cv-href-thumbnail pt-cv-thumb-default\" target=\"_self\" ><\/a>\n<div class=\"pt-cv-taxoterm above_title\"><a href='https:\/\/www.dmsjuridica.com\/buscador_20179478954\/corteconstitucionalcronologico202454587\/category\/buscar-en-toda-la-corte\/2013\/tutelas-2013\/' title='Tutelas 2013' class='pt-cv-tax-tutelas-2013'>Tutelas 2013<\/a><\/div>\n<h4 class=\"pt-cv-title\"><a href=\"https:\/\/www.dmsjuridica.com\/buscador_20179478954\/corteconstitucionalcronologico202454587\/t-891-13\/\" class=\"_self\" target=\"_self\" >T-891-13<\/a><\/h4>\n<div class=\"pt-cv-content\">\u00a0 \u00a0 \u00a0 \u00a0 \u00a0 \u00a0T-891-13 \u00a0 \u00a0 \u00a0 \u00a0 \u00a0 \u00a0\u00a0 Sentencia T-891\/13 \u00a0 \u00a0 PRINCIPIO DE SUBSIDIARIEDAD DE LA ACCION DE TUTELA-Juez debe verificar si \u00a0 ante la existencia de otro medio de defensa judicial, \u00e9ste es eficaz e id\u00f3neo\/ACCION DE TUTELA FRENTE A MEDIO DE DEFENSA JUDICIAL-Procedencia excepcional como mecanismo transitorio para \u00a0 evitar un perjuicio irremediable \u00a0 \u00a0 Es labor del juez constatar que \u00a0 el medio \u201csea id\u00f3neo, lo que significa que debe ser materialmente apto para \u00a0 producir el efecto protector de los derechos fundamentales. Adem\u00e1s, debe ser un \u00a0 medio eficaz, esto es, ...<br \/><div class=\"pt-cv-rmwrap\"><a href=\"https:\/\/www.dmsjuridica.com\/buscador_20179478954\/corteconstitucionalcronologico202454587\/t-891-13\/\" class=\"_self pt-cv-readmore btn btn-success\" target=\"_self\">Ver Sentencia Completa...<\/a><\/div><\/div><\/div><\/div>\n<div class=\"col-md-12 col-sm-12 col-xs-12 pt-cv-content-item pt-cv-1-col\" ><div class='pt-cv-ifield'><a href=\"https:\/\/www.dmsjuridica.com\/buscador_20179478954\/corteconstitucionalcronologico202454587\/t-890-13\/\" class=\"_self pt-cv-href-thumbnail pt-cv-thumb-default\" target=\"_self\" ><\/a>\n<div class=\"pt-cv-taxoterm above_title\"><a href='https:\/\/www.dmsjuridica.com\/buscador_20179478954\/corteconstitucionalcronologico202454587\/category\/buscar-en-toda-la-corte\/2013\/tutelas-2013\/' title='Tutelas 2013' class='pt-cv-tax-tutelas-2013'>Tutelas 2013<\/a><\/div>\n<h4 class=\"pt-cv-title\"><a href=\"https:\/\/www.dmsjuridica.com\/buscador_20179478954\/corteconstitucionalcronologico202454587\/t-890-13\/\" class=\"_self\" target=\"_self\" >T-890-13<\/a><\/h4>\n<div class=\"pt-cv-content\">\u00a0 \u00a0 \u00a0 \u00a0 \u00a0 \u00a0T-890-13 \u00a0 \u00a0 \u00a0 \u00a0 \u00a0 \u00a0\u00a0 Sentencia T-890\/13 \u00a0 \u00a0 DERECHO \u00a0 FUNDAMENTAL A LA EDUCACION DEL MENOR-El transporte escolar de ni\u00f1os y ni\u00f1as, \u00a0 en especial de aquellos que residen en zonas alejadas de la instituci\u00f3n \u00a0 educativa o de dif\u00edcil acceso, es una prestaci\u00f3n propia del derecho a la \u00a0 educaci\u00f3n \u00a0 \u00a0 La Corte considera necesario \u00a0 tener presente que el servicio de transporte escolar de los ni\u00f1os y ni\u00f1as, en \u00a0 especial aquellos que residen en zonas alejadas de la instituci\u00f3n educativa o de \u00a0 dif\u00edcil acceso, es una prestaci\u00f3n ...<br \/><div class=\"pt-cv-rmwrap\"><a href=\"https:\/\/www.dmsjuridica.com\/buscador_20179478954\/corteconstitucionalcronologico202454587\/t-890-13\/\" class=\"_self pt-cv-readmore btn btn-success\" target=\"_self\">Ver Sentencia Completa...<\/a><\/div><\/div><\/div><\/div>\n<div class=\"col-md-12 col-sm-12 col-xs-12 pt-cv-content-item pt-cv-1-col\" ><div class='pt-cv-ifield'><a href=\"https:\/\/www.dmsjuridica.com\/buscador_20179478954\/corteconstitucionalcronologico202454587\/t-889-13\/\" class=\"_self pt-cv-href-thumbnail pt-cv-thumb-default\" target=\"_self\" ><\/a>\n<div class=\"pt-cv-taxoterm above_title\"><a href='https:\/\/www.dmsjuridica.com\/buscador_20179478954\/corteconstitucionalcronologico202454587\/category\/buscar-en-toda-la-corte\/2013\/tutelas-2013\/' title='Tutelas 2013' class='pt-cv-tax-tutelas-2013'>Tutelas 2013<\/a><\/div>\n<h4 class=\"pt-cv-title\"><a href=\"https:\/\/www.dmsjuridica.com\/buscador_20179478954\/corteconstitucionalcronologico202454587\/t-889-13\/\" class=\"_self\" target=\"_self\" >T-889-13<\/a><\/h4>\n<div class=\"pt-cv-content\">Sentencia T-889\/13 \u00a0 \u00a0 LEGITIMACION EN LA CAUSA POR ACTIVA EN \u00a0 TUTELA DE PERSONA JURIDICA-Reiteraci\u00f3n \u00a0 de jurisprudencia\/ACCION DE TUTELA INTERPUESTA POR PERSONA JURIDICA-Actuaci\u00f3n \u00a0 por medio de su representante legal, directamente o a trav\u00e9s de apoderado \u00a0 \u00a0 La Sala ha distinguido claramente entre el \u00a0 agenciamiento de los derechos fundamentales de las personas jur\u00eddicas, que debe \u00a0 realizarlo su representante legal o su apoderado judicial, y los derechos \u00a0 fundamentales de las personas naturales que constituyen o hacen parte de la \u00a0 persona jur\u00eddica en cuesti\u00f3n. Por tanto, para esta Corporaci\u00f3n es claro que la \u00a0 legitimidad ...<br \/><div class=\"pt-cv-rmwrap\"><a href=\"https:\/\/www.dmsjuridica.com\/buscador_20179478954\/corteconstitucionalcronologico202454587\/t-889-13\/\" class=\"_self pt-cv-readmore btn btn-success\" target=\"_self\">Ver Sentencia Completa...<\/a><\/div><\/div><\/div><\/div>\n<div class=\"col-md-12 col-sm-12 col-xs-12 pt-cv-content-item pt-cv-1-col\" ><div class='pt-cv-ifield'><a href=\"https:\/\/www.dmsjuridica.com\/buscador_20179478954\/corteconstitucionalcronologico202454587\/t-888-13\/\" class=\"_self pt-cv-href-thumbnail pt-cv-thumb-default\" target=\"_self\" ><\/a>\n<div class=\"pt-cv-taxoterm above_title\"><a href='https:\/\/www.dmsjuridica.com\/buscador_20179478954\/corteconstitucionalcronologico202454587\/category\/buscar-en-toda-la-corte\/2013\/tutelas-2013\/' title='Tutelas 2013' class='pt-cv-tax-tutelas-2013'>Tutelas 2013<\/a><\/div>\n<h4 class=\"pt-cv-title\"><a href=\"https:\/\/www.dmsjuridica.com\/buscador_20179478954\/corteconstitucionalcronologico202454587\/t-888-13\/\" class=\"_self\" target=\"_self\" >T-888-13<\/a><\/h4>\n<div class=\"pt-cv-content\">\u00a0 \u00a0 \u00a0 \u00a0 \u00a0 \u00a0T-888-13 \u00a0 \u00a0 \u00a0 \u00a0 \u00a0 \u00a0\u00a0 DESPLAZAMIENTO FORZADO-Caracter\u00edsticas \u00a0 \u00a0 La Corte \u00a0 Constitucional, en pronunciamientos determin\u00f3 las caracter\u00edsticas del mismo, las \u00a0 que se sintetizaron de la siguiente manera: (i) una grave violaci\u00f3n de los \u00a0 derechos humanos de quienes son v\u00edctimas del mismo; (ii) el car\u00e1cter delictual o \u00a0 antijur\u00eddico de la conducta de quienes, por v\u00eda de la violencia generan el \u00a0 desplazamiento; y, (iii) la forma sistem\u00e1tica, masiva, continua e indiscriminada \u00a0 en que se ejerce sobre la poblaci\u00f3n. Por lo anterior, la Corte ha procedido \u00a0 jurisprudencialmente a calificar ...<br \/><div class=\"pt-cv-rmwrap\"><a href=\"https:\/\/www.dmsjuridica.com\/buscador_20179478954\/corteconstitucionalcronologico202454587\/t-888-13\/\" class=\"_self pt-cv-readmore btn btn-success\" target=\"_self\">Ver Sentencia Completa...<\/a><\/div><\/div><\/div><\/div>\n<div class=\"col-md-12 col-sm-12 col-xs-12 pt-cv-content-item pt-cv-1-col\" ><div class='pt-cv-ifield'><a href=\"https:\/\/www.dmsjuridica.com\/buscador_20179478954\/corteconstitucionalcronologico202454587\/t-887-13\/\" class=\"_self pt-cv-href-thumbnail pt-cv-thumb-default\" target=\"_self\" ><\/a>\n<div class=\"pt-cv-taxoterm above_title\"><a href='https:\/\/www.dmsjuridica.com\/buscador_20179478954\/corteconstitucionalcronologico202454587\/category\/buscar-en-toda-la-corte\/2013\/tutelas-2013\/' title='Tutelas 2013' class='pt-cv-tax-tutelas-2013'>Tutelas 2013<\/a><\/div>\n<h4 class=\"pt-cv-title\"><a href=\"https:\/\/www.dmsjuridica.com\/buscador_20179478954\/corteconstitucionalcronologico202454587\/t-887-13\/\" class=\"_self\" target=\"_self\" >T-887-13<\/a><\/h4>\n<div class=\"pt-cv-content\">\u00a0 \u00a0 \u00a0 \u00a0 \u00a0 \u00a0T-887-13 \u00a0 \u00a0 \u00a0 \u00a0 \u00a0 \u00a0\u00a0 Sentencia T-887\/13 \u00a0 \u00a0 LEGITIMACION POR ACTIVA EN TUTELA-Madre en representaci\u00f3n de hijo enfermo mental \u00a0 \u00a0 REQUISITO DE SUBSIDIARIEDAD-Direcci\u00f3n de Sanidad Militar no hace parte del sistema \u00a0 integral de seguridad social y no aplica a miembros de las fuerzas militares ni \u00a0 de Polic\u00eda \u00a0 \u00a0 SUBSISTEMA DE SALUD DE LAS FUERZAS MILITARES Y DE LA \u00a0 POLICIA NACIONAL-Protecci\u00f3n a personas \u00a0 en condici\u00f3n de vulnerabilidad o de debilidad manifiesta a causa de su condici\u00f3n \u00a0 de edad, discapacidad f\u00edsica o mental \u00a0 \u00a0 TRASTORNOS AFECTIVOS, ...<br \/><div class=\"pt-cv-rmwrap\"><a href=\"https:\/\/www.dmsjuridica.com\/buscador_20179478954\/corteconstitucionalcronologico202454587\/t-887-13\/\" class=\"_self pt-cv-readmore btn btn-success\" target=\"_self\">Ver Sentencia Completa...<\/a><\/div><\/div><\/div><\/div>\n<div class=\"col-md-12 col-sm-12 col-xs-12 pt-cv-content-item pt-cv-1-col\" ><div class='pt-cv-ifield'><a href=\"https:\/\/www.dmsjuridica.com\/buscador_20179478954\/corteconstitucionalcronologico202454587\/t-886-13\/\" class=\"_self pt-cv-href-thumbnail pt-cv-thumb-default\" target=\"_self\" ><\/a>\n<div class=\"pt-cv-taxoterm above_title\"><a href='https:\/\/www.dmsjuridica.com\/buscador_20179478954\/corteconstitucionalcronologico202454587\/category\/buscar-en-toda-la-corte\/2013\/tutelas-2013\/' title='Tutelas 2013' class='pt-cv-tax-tutelas-2013'>Tutelas 2013<\/a><\/div>\n<h4 class=\"pt-cv-title\"><a href=\"https:\/\/www.dmsjuridica.com\/buscador_20179478954\/corteconstitucionalcronologico202454587\/t-886-13\/\" class=\"_self\" target=\"_self\" >T-886-13<\/a><\/h4>\n<div class=\"pt-cv-content\">\u00a0 \u00a0 \u00a0 \u00a0 \u00a0 \u00a0T-886-13 \u00a0 \u00a0 \u00a0 \u00a0 \u00a0 \u00a0\u00a0 Sentencia T-886\/13 \u00a0 \u00a0 ACCION DE \u00a0 TUTELA PARA RECONOCIMIENTO DE PENSION DE INVALIDEZ-Procedencia excepcional \u00a0 por afectaci\u00f3n al m\u00ednimo vital y vida digna de sujetos de especial protecci\u00f3n \u00a0 \u00a0 ACCION DE \u00a0 TUTELA PARA RECONOCIMIENTO DE PENSION DE INVALIDEZ-Procedencia excepcional \u00a0 por estado de indefensi\u00f3n o debilidad manifiesta aun cuando exista otro medio de \u00a0 defensa judicial \u00a0 \u00a0 Esta Corporaci\u00f3n ha establecido que \u00a0 la acci\u00f3n de tutela es procedente para el reconocimiento de la pensi\u00f3n de \u00a0 invalidez, cuando en el caso concreto, entre ...<br \/><div class=\"pt-cv-rmwrap\"><a href=\"https:\/\/www.dmsjuridica.com\/buscador_20179478954\/corteconstitucionalcronologico202454587\/t-886-13\/\" class=\"_self pt-cv-readmore btn btn-success\" target=\"_self\">Ver Sentencia Completa...<\/a><\/div><\/div><\/div><\/div>\n<div class=\"col-md-12 col-sm-12 col-xs-12 pt-cv-content-item pt-cv-1-col\" ><div class='pt-cv-ifield'><a href=\"https:\/\/www.dmsjuridica.com\/buscador_20179478954\/corteconstitucionalcronologico202454587\/t-885-13\/\" class=\"_self pt-cv-href-thumbnail pt-cv-thumb-default\" target=\"_self\" ><\/a>\n<div class=\"pt-cv-taxoterm above_title\"><a href='https:\/\/www.dmsjuridica.com\/buscador_20179478954\/corteconstitucionalcronologico202454587\/category\/buscar-en-toda-la-corte\/2013\/tutelas-2013\/' title='Tutelas 2013' class='pt-cv-tax-tutelas-2013'>Tutelas 2013<\/a><\/div>\n<h4 class=\"pt-cv-title\"><a href=\"https:\/\/www.dmsjuridica.com\/buscador_20179478954\/corteconstitucionalcronologico202454587\/t-885-13\/\" class=\"_self\" target=\"_self\" >T-885-13<\/a><\/h4>\n<div class=\"pt-cv-content\">\u00a0 \u00a0 \u00a0 \u00a0 \u00a0 \u00a0T-885-13 \u00a0 \u00a0 \u00a0 \u00a0 \u00a0 \u00a0\u00a0 Sentencia T-885\/13 \u00a0 \u00a0 ACCION DE \u00a0 TUTELA PARA RECLAMAR ACREENCIAS LABORALES-Procedencia excepcional por \u00a0 afectaci\u00f3n de derechos fundamentales \u00a0 \u00a0 ACCION DE \u00a0 TUTELA PARA RECONOCIMIENTO Y PAGO DE ACREENCIAS LABORALES-Procedencia \u00a0 excepcional por afectaci\u00f3n del m\u00ednimo vital \u00a0 \u00a0 La jurisprudencia ha se\u00f1alado \u00a0 algunos supuestos en los cuales se presume la vulneraci\u00f3n del derecho al m\u00ednimo \u00a0 vital, los cuales se limitan a las siguientes situaciones de hecho: (i) que no \u00a0 se encuentre acreditado en el expediente que el accionante cuenta con otros \u00a0 ...<br \/><div class=\"pt-cv-rmwrap\"><a href=\"https:\/\/www.dmsjuridica.com\/buscador_20179478954\/corteconstitucionalcronologico202454587\/t-885-13\/\" class=\"_self pt-cv-readmore btn btn-success\" target=\"_self\">Ver Sentencia Completa...<\/a><\/div><\/div><\/div><\/div>\n<div class=\"col-md-12 col-sm-12 col-xs-12 pt-cv-content-item pt-cv-1-col\" ><div class='pt-cv-ifield'><a href=\"https:\/\/www.dmsjuridica.com\/buscador_20179478954\/corteconstitucionalcronologico202454587\/t-884-13\/\" class=\"_self pt-cv-href-thumbnail pt-cv-thumb-default\" target=\"_self\" ><\/a>\n<div class=\"pt-cv-taxoterm above_title\"><a href='https:\/\/www.dmsjuridica.com\/buscador_20179478954\/corteconstitucionalcronologico202454587\/category\/buscar-en-toda-la-corte\/2013\/tutelas-2013\/' title='Tutelas 2013' class='pt-cv-tax-tutelas-2013'>Tutelas 2013<\/a><\/div>\n<h4 class=\"pt-cv-title\"><a href=\"https:\/\/www.dmsjuridica.com\/buscador_20179478954\/corteconstitucionalcronologico202454587\/t-884-13\/\" class=\"_self\" target=\"_self\" >T-884-13<\/a><\/h4>\n<div class=\"pt-cv-content\">\u00a0 \u00a0 \u00a0 \u00a0 \u00a0 \u00a0T-884-13 \u00a0 \u00a0 \u00a0 \u00a0 \u00a0 \u00a0\u00a0 Sentencia T-884\/13 \u00a0 \u00a0 ACCION DE TUTELA PARA RECONOCIMIENTO DE \u00a0 PENSION DE SOBREVIVIENTES-Procedencia \u00a0 excepcional cuando afecta derechos fundamentales \u00a0 \u00a0 PRINCIPIO DE INMEDIATEZ Y VULNERACION DEL \u00a0 DERECHO A LA SEGURIDAD SOCIAL POR NO RECONOCIMIENTO DE PENSION DE \u00a0 SOBREVIVIENTES-Vulneraci\u00f3n \u00a0 persiste en el tiempo \u00a0 \u00a0 Si bien, la jurisprudencia constitucional ha \u00a0 establecido que no existe un t\u00e9rmino expreso de caducidad para la acci\u00f3n de \u00a0 tutela, la inmediatez en su interposici\u00f3n s\u00ed constituye un requisito de \u00a0 procedibilidad de la acci\u00f3n, pues \u00e9sta ...<br \/><div class=\"pt-cv-rmwrap\"><a href=\"https:\/\/www.dmsjuridica.com\/buscador_20179478954\/corteconstitucionalcronologico202454587\/t-884-13\/\" class=\"_self pt-cv-readmore btn btn-success\" target=\"_self\">Ver Sentencia Completa...<\/a><\/div><\/div><\/div><\/div>\n<div class=\"col-md-12 col-sm-12 col-xs-12 pt-cv-content-item pt-cv-1-col\" ><div class='pt-cv-ifield'><a href=\"https:\/\/www.dmsjuridica.com\/buscador_20179478954\/corteconstitucionalcronologico202454587\/t-883-13\/\" class=\"_self pt-cv-href-thumbnail pt-cv-thumb-default\" target=\"_self\" ><\/a>\n<div class=\"pt-cv-taxoterm above_title\"><a href='https:\/\/www.dmsjuridica.com\/buscador_20179478954\/corteconstitucionalcronologico202454587\/category\/buscar-en-toda-la-corte\/2013\/tutelas-2013\/' title='Tutelas 2013' class='pt-cv-tax-tutelas-2013'>Tutelas 2013<\/a><\/div>\n<h4 class=\"pt-cv-title\"><a href=\"https:\/\/www.dmsjuridica.com\/buscador_20179478954\/corteconstitucionalcronologico202454587\/t-883-13\/\" class=\"_self\" target=\"_self\" >T-883-13<\/a><\/h4>\n<div class=\"pt-cv-content\">\u00a0 \u00a0 \u00a0 \u00a0 \u00a0 \u00a0T-883-13 \u00a0 \u00a0 \u00a0 \u00a0 \u00a0 \u00a0\u00a0 Sentencia T-883\/13 \u00a0 \u00a0 ACCION DE TUTELA PARA LA PROTECCION DEL DERECHO AL \u00a0 HABEAS DATA-Procedencia, previa \u00a0 solicitud de correcci\u00f3n, aclaraci\u00f3n, rectificaci\u00f3n o actualizaci\u00f3n de \u00a0 informaci\u00f3n \u00a0 \u00a0 Seg\u00fan lo establece la disposici\u00f3n \u00a0 constitucional, esta acci\u00f3n tiene un car\u00e1cter subsidiario y residual, por lo que \u00a0 ella solo procede cuando quiera que el afectado no tenga a su alcance otro medio \u00a0 de defensa judicial o cuando, existiendo ese otro medio, la tutela se ejerce \u00a0 como mecanismo transitorio para evitar un perjuicio de car\u00e1cter ...<br \/><div class=\"pt-cv-rmwrap\"><a href=\"https:\/\/www.dmsjuridica.com\/buscador_20179478954\/corteconstitucionalcronologico202454587\/t-883-13\/\" class=\"_self pt-cv-readmore btn btn-success\" target=\"_self\">Ver Sentencia Completa...<\/a><\/div><\/div><\/div><\/div>\n<div class=\"col-md-12 col-sm-12 col-xs-12 pt-cv-content-item pt-cv-1-col\" ><div class='pt-cv-ifield'><a href=\"https:\/\/www.dmsjuridica.com\/buscador_20179478954\/corteconstitucionalcronologico202454587\/t-882-13\/\" class=\"_self pt-cv-href-thumbnail pt-cv-thumb-default\" target=\"_self\" ><\/a>\n<div class=\"pt-cv-taxoterm above_title\"><a href='https:\/\/www.dmsjuridica.com\/buscador_20179478954\/corteconstitucionalcronologico202454587\/category\/buscar-en-toda-la-corte\/2013\/tutelas-2013\/' title='Tutelas 2013' class='pt-cv-tax-tutelas-2013'>Tutelas 2013<\/a><\/div>\n<h4 class=\"pt-cv-title\"><a href=\"https:\/\/www.dmsjuridica.com\/buscador_20179478954\/corteconstitucionalcronologico202454587\/t-882-13\/\" class=\"_self\" target=\"_self\" >T-882-13<\/a><\/h4>\n<div class=\"pt-cv-content\">Sentencia \u00a0 T-882\/13 \u00a0 \u00a0 LEGITIMACION EN LA CAUSA POR ACTIVA Y \u00a0 AGENCIA OFICIOSA EN LA ACCION DE TUTELA-Requisitos \u00a0 \u00a0 ACCESIBILIDAD A SERVICIOS MEDICOS REQUERIDOS \u00a0 CON NECESIDAD-En caso de no \u00a0 existir orden de m\u00e9dico tratante se protege la salud en la faceta de diagn\u00f3stico \u00a0 \u00a0 Por regla general, para que sea exigible \u00a0 el suministro de un servicio en salud, es necesario que exista una orden del \u00a0 m\u00e9dico tratante adscrito a la EPS, por virtud de la cual se entienda que dicha \u00a0 prescripci\u00f3n est\u00e1 dirigida a mejorar el estado de salud del paciente ...<br \/><div class=\"pt-cv-rmwrap\"><a href=\"https:\/\/www.dmsjuridica.com\/buscador_20179478954\/corteconstitucionalcronologico202454587\/t-882-13\/\" class=\"_self pt-cv-readmore btn btn-success\" target=\"_self\">Ver Sentencia Completa...<\/a><\/div><\/div><\/div><\/div>\n<div class=\"col-md-12 col-sm-12 col-xs-12 pt-cv-content-item pt-cv-1-col\" ><div class='pt-cv-ifield'><a href=\"https:\/\/www.dmsjuridica.com\/buscador_20179478954\/corteconstitucionalcronologico202454587\/t-881-13\/\" class=\"_self pt-cv-href-thumbnail pt-cv-thumb-default\" target=\"_self\" ><\/a>\n<div class=\"pt-cv-taxoterm above_title\"><a href='https:\/\/www.dmsjuridica.com\/buscador_20179478954\/corteconstitucionalcronologico202454587\/category\/buscar-en-toda-la-corte\/2013\/tutelas-2013\/' title='Tutelas 2013' class='pt-cv-tax-tutelas-2013'>Tutelas 2013<\/a><\/div>\n<h4 class=\"pt-cv-title\"><a href=\"https:\/\/www.dmsjuridica.com\/buscador_20179478954\/corteconstitucionalcronologico202454587\/t-881-13\/\" class=\"_self\" target=\"_self\" >T-881-13<\/a><\/h4>\n<div class=\"pt-cv-content\">\u00a0 \u00a0 \u00a0 \u00a0 \u00a0 \u00a0T-881-13 \u00a0 \u00a0 \u00a0 \u00a0 \u00a0 \u00a0\u00a0 Sentencia T-881\/13 \u00a0 \u00a0 ACCION DE \u00a0 TUTELA CONTRA PROVIDENCIAS JUDICIALES-Requisitos generales y especiales de \u00a0 procedibilidad \u00a0 \u00a0 DEFECTO \u00a0 SUSTANTIVO EN LA JURISPRUDENCIA CONSTITUCIONAL \u00a0 \u00a0 DEFECTO \u00a0 FACTICO EN LA JURISPRUDENCIA CONSTITUCIONAL \u00a0 \u00a0 DEFECTO \u00a0 FACTICO-Dimensi\u00f3n negativa y positiva \u00a0 \u00a0 De acuerdo con la \u00a0 jurisprudencia constitucional, el defecto f\u00e1ctico puede tener una dimensi\u00f3n \u00a0 negativa y una dimensi\u00f3n positiva. Se presenta la dimensi\u00f3n negativa, cuando la \u00a0 autoridad judicial no pr\u00e1ctica o valora una prueba, o la valoraci\u00f3n de la misma \u00a0 ...<br \/><div class=\"pt-cv-rmwrap\"><a href=\"https:\/\/www.dmsjuridica.com\/buscador_20179478954\/corteconstitucionalcronologico202454587\/t-881-13\/\" class=\"_self pt-cv-readmore btn btn-success\" target=\"_self\">Ver Sentencia Completa...<\/a><\/div><\/div><\/div><\/div>\n<div class=\"col-md-12 col-sm-12 col-xs-12 pt-cv-content-item pt-cv-1-col\" ><div class='pt-cv-ifield'><a href=\"https:\/\/www.dmsjuridica.com\/buscador_20179478954\/corteconstitucionalcronologico202454587\/t-880-13\/\" class=\"_self pt-cv-href-thumbnail pt-cv-thumb-default\" target=\"_self\" ><\/a>\n<div class=\"pt-cv-taxoterm above_title\"><a href='https:\/\/www.dmsjuridica.com\/buscador_20179478954\/corteconstitucionalcronologico202454587\/category\/buscar-en-toda-la-corte\/2013\/tutelas-2013\/' title='Tutelas 2013' class='pt-cv-tax-tutelas-2013'>Tutelas 2013<\/a><\/div>\n<h4 class=\"pt-cv-title\"><a href=\"https:\/\/www.dmsjuridica.com\/buscador_20179478954\/corteconstitucionalcronologico202454587\/t-880-13\/\" class=\"_self\" target=\"_self\" >T-880-13<\/a><\/h4>\n<div class=\"pt-cv-content\">\u00a0 \u00a0 \u00a0 \u00a0 \u00a0 \u00a0T-880-13 \u00a0 \u00a0 \u00a0 \u00a0 \u00a0 \u00a0\u00a0 Sentencia T-880\/13 \u00a0 \u00a0 ACCION DE TUTELA CONTRA PROVIDENCIAS \u00a0 JUDICIALES-Requisitos \u00a0 generales y especiales de procedibilidad \u00a0 \u00a0 ACCION DE TUTELA CONTRA PROVIDENCIAS \u00a0 JUDICIALES-Relevancia \u00a0 constitucional del requisito general de subsidiariedad para su procedencia \u00a0 excepcional \u00a0 \u00a0 ACCION DE TUTELA CONTRA PROVIDENCIAS \u00a0 JUDICIALES-Improcedencia \u00a0 por no haber agotado recursos ordinarios en proceso ejecutivo \u00a0 \u00a0 ACCION DE TUTELA CONTRA PROVIDENCIAS \u00a0 JUDICIALES-Improcedencia \u00a0 cuando se alega el propio descuido o falta de diligencia en la interposici\u00f3n de \u00a0 recurso\/ACCION DE TUTELA CONTRA PROVIDENCIAS JUDICIALES-No ...<br \/><div class=\"pt-cv-rmwrap\"><a href=\"https:\/\/www.dmsjuridica.com\/buscador_20179478954\/corteconstitucionalcronologico202454587\/t-880-13\/\" class=\"_self pt-cv-readmore btn btn-success\" target=\"_self\">Ver Sentencia Completa...<\/a><\/div><\/div><\/div><\/div>\n<div class=\"col-md-12 col-sm-12 col-xs-12 pt-cv-content-item pt-cv-1-col\" ><div class='pt-cv-ifield'><a href=\"https:\/\/www.dmsjuridica.com\/buscador_20179478954\/corteconstitucionalcronologico202454587\/t-879-13\/\" class=\"_self pt-cv-href-thumbnail pt-cv-thumb-default\" target=\"_self\" ><\/a>\n<div class=\"pt-cv-taxoterm above_title\"><a href='https:\/\/www.dmsjuridica.com\/buscador_20179478954\/corteconstitucionalcronologico202454587\/category\/buscar-en-toda-la-corte\/2013\/tutelas-2013\/' title='Tutelas 2013' class='pt-cv-tax-tutelas-2013'>Tutelas 2013<\/a><\/div>\n<h4 class=\"pt-cv-title\"><a href=\"https:\/\/www.dmsjuridica.com\/buscador_20179478954\/corteconstitucionalcronologico202454587\/t-879-13\/\" class=\"_self\" target=\"_self\" >T-879-13<\/a><\/h4>\n<div class=\"pt-cv-content\">\u00a0 \u00a0 \u00a0 \u00a0 \u00a0 \u00a0T-879-13 \u00a0 \u00a0 \u00a0 \u00a0 \u00a0 \u00a0\u00a0 Sentencia T-879\/13 \u00a0 \u00a0 LEGITIMACION EN LA CAUSA POR ACTIVA Y AGENCIA \u00a0 OFICIOSA EN LA ACCION DE TUTELA-Requisitos \u00a0 \u00a0 El Art\u00edculo 10 del Decreto 2591 de 1991, se\u00f1ala que es \u00a0 posible agenciar derechos ajenos cuando su titular no est\u00e9 en condiciones de \u00a0 promover su propia defensa. Al respecto, esta Corporaci\u00f3n ha establecido dos \u00a0 requisitos para su configuraci\u00f3n, los cuales son: (i) la manifestaci\u00f3n expresa de que se est\u00e1 obrando en \u00a0 dicha calidad y (ii) la demostraci\u00f3n de que el agenciado se encuentra ...<br \/><div class=\"pt-cv-rmwrap\"><a href=\"https:\/\/www.dmsjuridica.com\/buscador_20179478954\/corteconstitucionalcronologico202454587\/t-879-13\/\" class=\"_self pt-cv-readmore btn btn-success\" target=\"_self\">Ver Sentencia Completa...<\/a><\/div><\/div><\/div><\/div>\n<div class=\"col-md-12 col-sm-12 col-xs-12 pt-cv-content-item pt-cv-1-col\" ><div class='pt-cv-ifield'><a href=\"https:\/\/www.dmsjuridica.com\/buscador_20179478954\/corteconstitucionalcronologico202454587\/t-878-13\/\" class=\"_self pt-cv-href-thumbnail pt-cv-thumb-default\" target=\"_self\" ><\/a>\n<div class=\"pt-cv-taxoterm above_title\"><a href='https:\/\/www.dmsjuridica.com\/buscador_20179478954\/corteconstitucionalcronologico202454587\/category\/buscar-en-toda-la-corte\/2013\/tutelas-2013\/' title='Tutelas 2013' class='pt-cv-tax-tutelas-2013'>Tutelas 2013<\/a><\/div>\n<h4 class=\"pt-cv-title\"><a href=\"https:\/\/www.dmsjuridica.com\/buscador_20179478954\/corteconstitucionalcronologico202454587\/t-878-13\/\" class=\"_self\" target=\"_self\" >T-878-13<\/a><\/h4>\n<div class=\"pt-cv-content\">\u00a0 \u00a0 \u00a0 \u00a0 \u00a0 \u00a0T-878-13 \u00a0 \u00a0 \u00a0 \u00a0 \u00a0 \u00a0\u00a0 Sentencia T-878\/13 \u00a0 \u00a0 DERECHO \u00a0 FUNDAMENTAL A LA VIVIENDA DIGNA DE POBLACION DESPLAZADA-Garant\u00eda a trav\u00e9s de \u00a0 subsidio familiar de vivienda de inter\u00e9s social a personas que acrediten \u00a0 requisitos \u00a0 \u00a0 Es de resaltar que debido al \u00a0 contenido de derecho econ\u00f3mico, social y cultural que posee la garant\u00eda de \u00a0 vivienda digna, implica que para su disfrute se realice un desarrollo legal \u00a0 progresivo y, adem\u00e1s, en su consolidaci\u00f3n se deben destinar significativas \u00a0 partidas presupuestales, lo cual, por las condiciones actuales de las finanzas ...<br \/><div class=\"pt-cv-rmwrap\"><a href=\"https:\/\/www.dmsjuridica.com\/buscador_20179478954\/corteconstitucionalcronologico202454587\/t-878-13\/\" class=\"_self pt-cv-readmore btn btn-success\" target=\"_self\">Ver Sentencia Completa...<\/a><\/div><\/div><\/div><\/div>\n<div class=\"col-md-12 col-sm-12 col-xs-12 pt-cv-content-item pt-cv-1-col\" ><div class='pt-cv-ifield'><a href=\"https:\/\/www.dmsjuridica.com\/buscador_20179478954\/corteconstitucionalcronologico202454587\/t-877-13\/\" class=\"_self pt-cv-href-thumbnail pt-cv-thumb-default\" target=\"_self\" ><\/a>\n<div class=\"pt-cv-taxoterm above_title\"><a href='https:\/\/www.dmsjuridica.com\/buscador_20179478954\/corteconstitucionalcronologico202454587\/category\/buscar-en-toda-la-corte\/2013\/tutelas-2013\/' title='Tutelas 2013' class='pt-cv-tax-tutelas-2013'>Tutelas 2013<\/a><\/div>\n<h4 class=\"pt-cv-title\"><a href=\"https:\/\/www.dmsjuridica.com\/buscador_20179478954\/corteconstitucionalcronologico202454587\/t-877-13\/\" class=\"_self\" target=\"_self\" >T-877-13<\/a><\/h4>\n<div class=\"pt-cv-content\">\u00a0 \u00a0 \u00a0 \u00a0 \u00a0 \u00a0T-877-13 \u00a0 \u00a0 \u00a0 \u00a0 \u00a0 \u00a0\u00a0 Sentencia T-877\/13 \u00a0 \u00a0 DERECHO A LA \u00a0 SALUD DEL ADULTO MAYOR-Protecci\u00f3n reforzada por ser sujeto de especial \u00a0 protecci\u00f3n constitucional \u00a0 \u00a0 En el marco del Estado social \u00a0 de derecho, la Corte Constitucional, en su desarrollo jurisprudencial m\u00e1s \u00a0 reciente, ha dispuesto que la salud es un derecho fundamental aut\u00f3nomo, que \u00a0 adquiere una particular connotaci\u00f3n cuando la persona de quien se predica su \u00a0 vulneraci\u00f3n es un sujeto de especial protecci\u00f3n constitucional, como aquellas \u00a0 que pertenecen a la tercera edad, cuyo deterioro en las ...<br \/><div class=\"pt-cv-rmwrap\"><a href=\"https:\/\/www.dmsjuridica.com\/buscador_20179478954\/corteconstitucionalcronologico202454587\/t-877-13\/\" class=\"_self pt-cv-readmore btn btn-success\" target=\"_self\">Ver Sentencia Completa...<\/a><\/div><\/div><\/div><\/div>\n<div class=\"col-md-12 col-sm-12 col-xs-12 pt-cv-content-item pt-cv-1-col\" ><div class='pt-cv-ifield'><a href=\"https:\/\/www.dmsjuridica.com\/buscador_20179478954\/corteconstitucionalcronologico202454587\/t-876-13\/\" class=\"_self pt-cv-href-thumbnail pt-cv-thumb-default\" target=\"_self\" ><\/a>\n<div class=\"pt-cv-taxoterm above_title\"><a href='https:\/\/www.dmsjuridica.com\/buscador_20179478954\/corteconstitucionalcronologico202454587\/category\/buscar-en-toda-la-corte\/2013\/tutelas-2013\/' title='Tutelas 2013' class='pt-cv-tax-tutelas-2013'>Tutelas 2013<\/a><\/div>\n<h4 class=\"pt-cv-title\"><a href=\"https:\/\/www.dmsjuridica.com\/buscador_20179478954\/corteconstitucionalcronologico202454587\/t-876-13\/\" class=\"_self\" target=\"_self\" >T-876-13<\/a><\/h4>\n<div class=\"pt-cv-content\">\u00a0 \u00a0 \u00a0 \u00a0 \u00a0 \u00a0T-876-13 \u00a0 \u00a0 \u00a0 \u00a0 \u00a0 \u00a0\u00a0 Sentencia T-876\/13 \u00a0 \u00a0 PRINCIPIO DE SUBSIDIARIEDAD DE LA ACCION DE TUTELA Y \u00a0 SUS EXCEPCIONES EN MATERIA DE DICTAMENES DE PERDIDA DE LA CAPACIDAD LABORAL-Procedencia cuando afecta derechos fundamentales \u00a0 \u00a0 La jurisprudencia constitucional ha se\u00f1alado que cuando exista otro \u00a0 medio de defensa judicial mediante el cual se pueda proteger los derechos del \u00a0 demandante, la acci\u00f3n tuitiva es improcedente y, de conformidad con el art\u00edculo \u00a0 40 del Decreto 2463 de 2011, el juez ordinario laboral es el competente para \u00a0 conocer acerca de las ...<br \/><div class=\"pt-cv-rmwrap\"><a href=\"https:\/\/www.dmsjuridica.com\/buscador_20179478954\/corteconstitucionalcronologico202454587\/t-876-13\/\" class=\"_self pt-cv-readmore btn btn-success\" target=\"_self\">Ver Sentencia Completa...<\/a><\/div><\/div><\/div><\/div>\n<div class=\"col-md-12 col-sm-12 col-xs-12 pt-cv-content-item pt-cv-1-col\" ><div class='pt-cv-ifield'><a href=\"https:\/\/www.dmsjuridica.com\/buscador_20179478954\/corteconstitucionalcronologico202454587\/t-875-13\/\" class=\"_self pt-cv-href-thumbnail pt-cv-thumb-default\" target=\"_self\" ><\/a>\n<div class=\"pt-cv-taxoterm above_title\"><a href='https:\/\/www.dmsjuridica.com\/buscador_20179478954\/corteconstitucionalcronologico202454587\/category\/buscar-en-toda-la-corte\/2013\/tutelas-2013\/' title='Tutelas 2013' class='pt-cv-tax-tutelas-2013'>Tutelas 2013<\/a><\/div>\n<h4 class=\"pt-cv-title\"><a href=\"https:\/\/www.dmsjuridica.com\/buscador_20179478954\/corteconstitucionalcronologico202454587\/t-875-13\/\" class=\"_self\" target=\"_self\" >T-875-13<\/a><\/h4>\n<div class=\"pt-cv-content\">\u00a0 \u00a0 \u00a0 \u00a0 \u00a0 \u00a0T-875-13 \u00a0 \u00a0 \u00a0 \u00a0 \u00a0 \u00a0\u00a0 Sentencia T-875\/13 \u00a0 \u00a0 DERECHO FUNDAMENTAL A LA SALUD DE NI\u00d1OS \u00a0 Y NI\u00d1AS-Debe ser atendido en forma \u00a0 inmediata y prioritaria \u00a0 \u00a0 A los ni\u00f1os se les debe suministrar un servicio de \u00a0 salud que otorgue una ayuda eficaz. Para ello, el Estado tiene la obligaci\u00f3n de \u00a0 asegurar que les sean brindados todos los medios, sean m\u00e9dicos o educativos, que \u00a0 les permitan obtener una recuperaci\u00f3n \u00f3ptima, o si esto no fuera posible, por lo \u00a0 menos que accedan a la mejor calidad de vida ...<br \/><div class=\"pt-cv-rmwrap\"><a href=\"https:\/\/www.dmsjuridica.com\/buscador_20179478954\/corteconstitucionalcronologico202454587\/t-875-13\/\" class=\"_self pt-cv-readmore btn btn-success\" target=\"_self\">Ver Sentencia Completa...<\/a><\/div><\/div><\/div><\/div>\n<div class=\"col-md-12 col-sm-12 col-xs-12 pt-cv-content-item pt-cv-1-col\" ><div class='pt-cv-ifield'><a href=\"https:\/\/www.dmsjuridica.com\/buscador_20179478954\/corteconstitucionalcronologico202454587\/t-874-13\/\" class=\"_self pt-cv-href-thumbnail pt-cv-thumb-default\" target=\"_self\" ><\/a>\n<div class=\"pt-cv-taxoterm above_title\"><a href='https:\/\/www.dmsjuridica.com\/buscador_20179478954\/corteconstitucionalcronologico202454587\/category\/buscar-en-toda-la-corte\/2013\/tutelas-2013\/' title='Tutelas 2013' class='pt-cv-tax-tutelas-2013'>Tutelas 2013<\/a><\/div>\n<h4 class=\"pt-cv-title\"><a href=\"https:\/\/www.dmsjuridica.com\/buscador_20179478954\/corteconstitucionalcronologico202454587\/t-874-13\/\" class=\"_self\" target=\"_self\" >T-874-13<\/a><\/h4>\n<div class=\"pt-cv-content\">\u00a0 \u00a0 \u00a0 \u00a0 \u00a0 \u00a0T-874-13 \u00a0 \u00a0 \u00a0 \u00a0 \u00a0 \u00a0\u00a0 Sentencia T-874\/13 \u00a0 \u00a0 CARENCIA ACTUAL DE OBJETO POR HECHO SUPERADO-Juez debe verificar que efectivamente ces\u00f3 la vulneraci\u00f3n o amenaza \u00a0 de derechos fundamentales \u00a0 \u00a0 La \u00a0 declaratoria de carencia actual de objeto, debe cimentarse en pruebas obtenidas \u00a0 en el proceso respectivo, en las que se evidencie y constate por el juez \u00a0 constitucional que, si lo demandado era una acci\u00f3n, esta materialmente haya \u00a0 cesado o, que si se trataba de una omisi\u00f3n, efectivamente, la actuaci\u00f3n omitida \u00a0 o denegada se haya realizado. Es decir, ...<br \/><div class=\"pt-cv-rmwrap\"><a href=\"https:\/\/www.dmsjuridica.com\/buscador_20179478954\/corteconstitucionalcronologico202454587\/t-874-13\/\" class=\"_self pt-cv-readmore btn btn-success\" target=\"_self\">Ver Sentencia Completa...<\/a><\/div><\/div><\/div><\/div>\n<div class=\"col-md-12 col-sm-12 col-xs-12 pt-cv-content-item pt-cv-1-col\" ><div class='pt-cv-ifield'><a href=\"https:\/\/www.dmsjuridica.com\/buscador_20179478954\/corteconstitucionalcronologico202454587\/t-873-13\/\" class=\"_self pt-cv-href-thumbnail pt-cv-thumb-default\" target=\"_self\" ><\/a>\n<div class=\"pt-cv-taxoterm above_title\"><a href='https:\/\/www.dmsjuridica.com\/buscador_20179478954\/corteconstitucionalcronologico202454587\/category\/buscar-en-toda-la-corte\/2013\/tutelas-2013\/' title='Tutelas 2013' class='pt-cv-tax-tutelas-2013'>Tutelas 2013<\/a><\/div>\n<h4 class=\"pt-cv-title\"><a href=\"https:\/\/www.dmsjuridica.com\/buscador_20179478954\/corteconstitucionalcronologico202454587\/t-873-13\/\" class=\"_self\" target=\"_self\" >T-873-13<\/a><\/h4>\n<div class=\"pt-cv-content\">\u00a0 \u00a0 \u00a0 \u00a0 \u00a0 \u00a0T-873-13 \u00a0 \u00a0 \u00a0 \u00a0 \u00a0 \u00a0\u00a0 Sentencia T-873\/13 \u00a0 \u00a0 ACCION DE TUTELA TEMERARIA-Concepto \u00a0 \u00a0 La temeridad es entendida como un fen\u00f3meno jur\u00eddico que \u00a0 tiene lugar cuando \u201csin motivo expresamente justificado, la misma acci\u00f3n de \u00a0 tutela es presentada por la misma persona o su representante ante varios jueces \u00a0 o tribunales\u201d. Su configuraci\u00f3n se traduce en el rechazo y en la resoluci\u00f3n \u00a0 desfavorable de todas las solicitudes, sin perjuicio de las sanciones que \u00a0 establece la ley. \u00a0 \u00a0 Este alto tribunal ha se\u00f1alado que pueden existir \u00a0 eventos en ...<br \/><div class=\"pt-cv-rmwrap\"><a href=\"https:\/\/www.dmsjuridica.com\/buscador_20179478954\/corteconstitucionalcronologico202454587\/t-873-13\/\" class=\"_self pt-cv-readmore btn btn-success\" target=\"_self\">Ver Sentencia Completa...<\/a><\/div><\/div><\/div><\/div>\n<div class=\"col-md-12 col-sm-12 col-xs-12 pt-cv-content-item pt-cv-1-col\" ><div class='pt-cv-ifield'><a href=\"https:\/\/www.dmsjuridica.com\/buscador_20179478954\/corteconstitucionalcronologico202454587\/t-872-13\/\" class=\"_self pt-cv-href-thumbnail pt-cv-thumb-default\" target=\"_self\" ><\/a>\n<div class=\"pt-cv-taxoterm above_title\"><a href='https:\/\/www.dmsjuridica.com\/buscador_20179478954\/corteconstitucionalcronologico202454587\/category\/buscar-en-toda-la-corte\/2013\/tutelas-2013\/' title='Tutelas 2013' class='pt-cv-tax-tutelas-2013'>Tutelas 2013<\/a><\/div>\n<h4 class=\"pt-cv-title\"><a href=\"https:\/\/www.dmsjuridica.com\/buscador_20179478954\/corteconstitucionalcronologico202454587\/t-872-13\/\" class=\"_self\" target=\"_self\" >T-872-13<\/a><\/h4>\n<div class=\"pt-cv-content\">\u00a0 \u00a0 \u00a0 \u00a0 \u00a0 \u00a0T-872-13 \u00a0 \u00a0 \u00a0 \u00a0 \u00a0 \u00a0\u00a0 Sentencia T-872\/13 \u00a0 \u00a0 ACCION \u00a0 DE TUTELA CONTRA PROVIDENCIAS JUDICIALES-Requisitos \u00a0 generales y especiales de procedibilidad \u00a0 \u00a0 APLICACION DEL PRINCIPIO DE LA CONDICION MAS BENEFICIOSA A LA PENSION DE \u00a0 INVALIDEZ-Jurisprudencia \u00a0 de la Corte Suprema de Justicia \u00a0 \u00a0 PRINCIPIO DE LA CONDICION MAS BENEFICIOSA-Aplicaci\u00f3n a la pensi\u00f3n de \u00a0 invalidez \u00a0 \u00a0 Cuando se trata de un conflicto de aplicaci\u00f3n o interpretaci\u00f3n de normas para \u00a0 acceder o mantener la pensi\u00f3n de invalidez, es menester observar no solamente la \u00a0 fecha de estructuraci\u00f3n de ...<br \/><div class=\"pt-cv-rmwrap\"><a href=\"https:\/\/www.dmsjuridica.com\/buscador_20179478954\/corteconstitucionalcronologico202454587\/t-872-13\/\" class=\"_self pt-cv-readmore btn btn-success\" target=\"_self\">Ver Sentencia Completa...<\/a><\/div><\/div><\/div><\/div>\n<div class=\"col-md-12 col-sm-12 col-xs-12 pt-cv-content-item pt-cv-1-col\" ><div class='pt-cv-ifield'><a href=\"https:\/\/www.dmsjuridica.com\/buscador_20179478954\/corteconstitucionalcronologico202454587\/t-871-13\/\" class=\"_self pt-cv-href-thumbnail pt-cv-thumb-default\" target=\"_self\" ><\/a>\n<div class=\"pt-cv-taxoterm above_title\"><a href='https:\/\/www.dmsjuridica.com\/buscador_20179478954\/corteconstitucionalcronologico202454587\/category\/buscar-en-toda-la-corte\/2013\/tutelas-2013\/' title='Tutelas 2013' class='pt-cv-tax-tutelas-2013'>Tutelas 2013<\/a><\/div>\n<h4 class=\"pt-cv-title\"><a href=\"https:\/\/www.dmsjuridica.com\/buscador_20179478954\/corteconstitucionalcronologico202454587\/t-871-13\/\" class=\"_self\" target=\"_self\" >T-871-13<\/a><\/h4>\n<div class=\"pt-cv-content\">\u00a0 \u00a0 \u00a0 \u00a0 \u00a0 \u00a0T-871-13 \u00a0 \u00a0 \u00a0 \u00a0 \u00a0 \u00a0\u00a0 Sentencia T-871\/13 \u00a0 \u00a0 DERECHO \u00a0 FUNDAMENTAL A LA EDUCACION DE LAS COMUNIDADES ETNICAS Y SUS INTEGRANTES-Debe \u00a0 respetar y desarrollar su identidad cultural \u00a0 \u00a0 DERECHO \u00a0 FUNDAMENTAL A LA DIVERSIDAD E IDENTIDAD CULTURAL DE COMUNIDADES Y GRUPOS \u00a0 ETNICOS-Protecci\u00f3n constitucional \u00a0 \u00a0 DERECHO A LA \u00a0 AUTODETERMINACION DE LOS PUEBLOS INDIGENAS-Ambitos de protecci\u00f3n \u00a0 \u00a0 DERECHO A LA \u00a0 EDUCACION PROPIA DE COMUNIDADES INDIGENAS O ETNOEDUCACION-Fundamental \u00a0 \u00a0 El derecho a la educaci\u00f3n, como \u00a0 derecho fundamental de cualquier ser humano, asume un contenido especial para ...<br \/><div class=\"pt-cv-rmwrap\"><a href=\"https:\/\/www.dmsjuridica.com\/buscador_20179478954\/corteconstitucionalcronologico202454587\/t-871-13\/\" class=\"_self pt-cv-readmore btn btn-success\" target=\"_self\">Ver Sentencia Completa...<\/a><\/div><\/div><\/div><\/div>\n<div class=\"col-md-12 col-sm-12 col-xs-12 pt-cv-content-item pt-cv-1-col\" ><div class='pt-cv-ifield'><a href=\"https:\/\/www.dmsjuridica.com\/buscador_20179478954\/corteconstitucionalcronologico202454587\/t-870-13\/\" class=\"_self pt-cv-href-thumbnail pt-cv-thumb-default\" target=\"_self\" ><\/a>\n<div class=\"pt-cv-taxoterm above_title\"><a href='https:\/\/www.dmsjuridica.com\/buscador_20179478954\/corteconstitucionalcronologico202454587\/category\/buscar-en-toda-la-corte\/2013\/tutelas-2013\/' title='Tutelas 2013' class='pt-cv-tax-tutelas-2013'>Tutelas 2013<\/a><\/div>\n<h4 class=\"pt-cv-title\"><a href=\"https:\/\/www.dmsjuridica.com\/buscador_20179478954\/corteconstitucionalcronologico202454587\/t-870-13\/\" class=\"_self\" target=\"_self\" >T-870-13<\/a><\/h4>\n<div class=\"pt-cv-content\">\u00a0 \u00a0 \u00a0 \u00a0 \u00a0 \u00a0T-870-13 \u00a0 \u00a0 \u00a0 \u00a0 \u00a0 \u00a0\u00a0 Sentencia T-870\/13 \u00a0 \u00a0 ACCION DE TUTELA CONTRA PROVIDENCIAS JUDICIALES-Requisitos generales y especiales de procedibilidad \u00a0 \u00a0 ACCION DE LANZAMIENTO POR OCUPACION DE HECHO-Aplicaci\u00f3n del control abstracto frente al r\u00e9gimen jur\u00eddico \u00a0 aplicable a la acci\u00f3n policiva, seg\u00fan ley 57 de 1905 y C-241\/10 \u00a0 \u00a0 ACCION DE LANZAMIENTO POR OCUPACION DE HECHO-Subrogaci\u00f3n por el C\u00f3digo Nacional de Polic\u00eda, tanto para predios \u00a0 rurales como urbanos \u00a0 \u00a0 ACCION DE TUTELA CONTRA PROVIDENCIAS JUDICIALES-Improcedencia por cuanto no se vulner\u00f3 debido proceso en acci\u00f3n de \u00a0 lanzamiento por ocupaci\u00f3n ...<br \/><div class=\"pt-cv-rmwrap\"><a href=\"https:\/\/www.dmsjuridica.com\/buscador_20179478954\/corteconstitucionalcronologico202454587\/t-870-13\/\" class=\"_self pt-cv-readmore btn btn-success\" target=\"_self\">Ver Sentencia Completa...<\/a><\/div><\/div><\/div><\/div>\n<div class=\"col-md-12 col-sm-12 col-xs-12 pt-cv-content-item pt-cv-1-col\" ><div class='pt-cv-ifield'><a href=\"https:\/\/www.dmsjuridica.com\/buscador_20179478954\/corteconstitucionalcronologico202454587\/t-869-13\/\" class=\"_self pt-cv-href-thumbnail pt-cv-thumb-default\" target=\"_self\" ><\/a>\n<div class=\"pt-cv-taxoterm above_title\"><a href='https:\/\/www.dmsjuridica.com\/buscador_20179478954\/corteconstitucionalcronologico202454587\/category\/buscar-en-toda-la-corte\/2013\/tutelas-2013\/' title='Tutelas 2013' class='pt-cv-tax-tutelas-2013'>Tutelas 2013<\/a><\/div>\n<h4 class=\"pt-cv-title\"><a href=\"https:\/\/www.dmsjuridica.com\/buscador_20179478954\/corteconstitucionalcronologico202454587\/t-869-13\/\" class=\"_self\" target=\"_self\" >T-869-13<\/a><\/h4>\n<div class=\"pt-cv-content\">\u00a0 \u00a0 \u00a0 \u00a0 \u00a0 \u00a0T-869-13 \u00a0 \u00a0 \u00a0 \u00a0 \u00a0 \u00a0\u00a0 Sentencia T-869\/13 \u00a0 \u00a0 DERECHO AL RECONOCIMIENTO DE LA PERSONALIDAD JURIDICA-Vulneraci\u00f3n por no expedici\u00f3n de c\u00e9dula \u00a0 \u00a0 DERECHO A LA PERSONALIDAD JURIDICA-Registradur\u00eda tiene el deber de tramitar, expedir, \u00a0 renovar y rectificar, seg\u00fan el caso, la c\u00e9dula de ciudadan\u00eda a toda persona que \u00a0 tenga derecho a tal documento \u00a0 \u00a0 La Registradur\u00eda Nacional del Estado \u00a0 Civil tiene el deber de tramitar, expedir, renovar y rectificar, seg\u00fan el caso, \u00a0 la c\u00e9dula de ciudadan\u00eda a toda persona que tenga derecho a tal documento, que de \u00a0 ...<br \/><div class=\"pt-cv-rmwrap\"><a href=\"https:\/\/www.dmsjuridica.com\/buscador_20179478954\/corteconstitucionalcronologico202454587\/t-869-13\/\" class=\"_self pt-cv-readmore btn btn-success\" target=\"_self\">Ver Sentencia Completa...<\/a><\/div><\/div><\/div><\/div>\n<div class=\"col-md-12 col-sm-12 col-xs-12 pt-cv-content-item pt-cv-1-col\" ><div class='pt-cv-ifield'><a href=\"https:\/\/www.dmsjuridica.com\/buscador_20179478954\/corteconstitucionalcronologico202454587\/t-868-13\/\" class=\"_self pt-cv-href-thumbnail pt-cv-thumb-default\" target=\"_self\" ><\/a>\n<div class=\"pt-cv-taxoterm above_title\"><a href='https:\/\/www.dmsjuridica.com\/buscador_20179478954\/corteconstitucionalcronologico202454587\/category\/buscar-en-toda-la-corte\/2013\/tutelas-2013\/' title='Tutelas 2013' class='pt-cv-tax-tutelas-2013'>Tutelas 2013<\/a><\/div>\n<h4 class=\"pt-cv-title\"><a href=\"https:\/\/www.dmsjuridica.com\/buscador_20179478954\/corteconstitucionalcronologico202454587\/t-868-13\/\" class=\"_self\" target=\"_self\" >T-868-13<\/a><\/h4>\n<div class=\"pt-cv-content\">\u00a0 \u00a0 \u00a0 \u00a0 \u00a0 \u00a0T-868-13 \u00a0 \u00a0 \u00a0 \u00a0 \u00a0 \u00a0\u00a0 Sentencia T-868\/13 \u00a0 \u00a0 ACCION DE TUTELA CONTRA COOPERATIVA DE TRABAJO ASOCIADO-Procedencia por \u00a0 existir subordinaci\u00f3n \u00a0 \u00a0 La \u00a0 jurisprudencia de esta Corporaci\u00f3n ha definido la subordinaci\u00f3n como una \u00a0 relaci\u00f3n de dependencia desde una perspectiva jur\u00eddica, mientras que la \u00a0 indefensi\u00f3n se presenta cuando existe un desequilibrio de poderes entre las \u00a0 partes desde el punto de vista material. Si bien en ambas situaciones se \u00a0 presentan posiciones desiguales, la primera se origina en un evento jur\u00eddico, \u00a0 mientras que la segunda tiene lugar como consecuencia ...<br \/><div class=\"pt-cv-rmwrap\"><a href=\"https:\/\/www.dmsjuridica.com\/buscador_20179478954\/corteconstitucionalcronologico202454587\/t-868-13\/\" class=\"_self pt-cv-readmore btn btn-success\" target=\"_self\">Ver Sentencia Completa...<\/a><\/div><\/div><\/div><\/div>\n<div class=\"col-md-12 col-sm-12 col-xs-12 pt-cv-content-item pt-cv-1-col\" ><div class='pt-cv-ifield'><a href=\"https:\/\/www.dmsjuridica.com\/buscador_20179478954\/corteconstitucionalcronologico202454587\/t-867-13\/\" class=\"_self pt-cv-href-thumbnail pt-cv-thumb-default\" target=\"_self\" ><\/a>\n<div class=\"pt-cv-taxoterm above_title\"><a href='https:\/\/www.dmsjuridica.com\/buscador_20179478954\/corteconstitucionalcronologico202454587\/category\/buscar-en-toda-la-corte\/2013\/tutelas-2013\/' title='Tutelas 2013' class='pt-cv-tax-tutelas-2013'>Tutelas 2013<\/a><\/div>\n<h4 class=\"pt-cv-title\"><a href=\"https:\/\/www.dmsjuridica.com\/buscador_20179478954\/corteconstitucionalcronologico202454587\/t-867-13\/\" class=\"_self\" target=\"_self\" >T-867-13<\/a><\/h4>\n<div class=\"pt-cv-content\">\u00a0 \u00a0 \u00a0 \u00a0 \u00a0 \u00a0T-867-13 \u00a0 \u00a0 \u00a0 \u00a0 \u00a0 \u00a0\u00a0 Sentencia T-867\/13 \u00a0 \u00a0 DERECHO FUNDAMENTAL DE PETICION-Protecci\u00f3n constitucional y alcance\/DERECHO \u00a0 DE PETICION-Protecci\u00f3n mediante acci\u00f3n de tutela \u00a0 \u00a0 El derecho de petici\u00f3n es \u00a0 una prerrogativa especial que establece la Carta Pol\u00edtica, consistente en la \u00a0 potestad que tienen los particulares de establecer peticiones respetuosas ante \u00a0 las autoridades o incluso en casos especiales, a otros particulares, con el \u00a0 objeto de obtener la satisfacci\u00f3n de un inter\u00e9s personal o colectivo \u00a0 y exigir que sean contestadas en un t\u00e9rmino razonable. El derecho a elevar peticiones ...<br \/><div class=\"pt-cv-rmwrap\"><a href=\"https:\/\/www.dmsjuridica.com\/buscador_20179478954\/corteconstitucionalcronologico202454587\/t-867-13\/\" class=\"_self pt-cv-readmore btn btn-success\" target=\"_self\">Ver Sentencia Completa...<\/a><\/div><\/div><\/div><\/div>\n<div class=\"col-md-12 col-sm-12 col-xs-12 pt-cv-content-item pt-cv-1-col\" ><div class='pt-cv-ifield'><a href=\"https:\/\/www.dmsjuridica.com\/buscador_20179478954\/corteconstitucionalcronologico202454587\/t-866-13\/\" class=\"_self pt-cv-href-thumbnail pt-cv-thumb-default\" target=\"_self\" ><\/a>\n<div class=\"pt-cv-taxoterm above_title\"><a href='https:\/\/www.dmsjuridica.com\/buscador_20179478954\/corteconstitucionalcronologico202454587\/category\/buscar-en-toda-la-corte\/2013\/tutelas-2013\/' title='Tutelas 2013' class='pt-cv-tax-tutelas-2013'>Tutelas 2013<\/a><\/div>\n<h4 class=\"pt-cv-title\"><a href=\"https:\/\/www.dmsjuridica.com\/buscador_20179478954\/corteconstitucionalcronologico202454587\/t-866-13\/\" class=\"_self\" target=\"_self\" >T-866-13<\/a><\/h4>\n<div class=\"pt-cv-content\">\u00a0 \u00a0 \u00a0 \u00a0 \u00a0 \u00a0T-866-13 \u00a0 \u00a0 \u00a0 \u00a0 \u00a0 \u00a0\u00a0 Sentencia T-866\/13 \u00a0 \u00a0 LEGITIMACION POR ACTIVA EN TUTELA DE COMUNIDAD \u00a0 INDIGENA-En representaci\u00f3n de miembros \u00a0 de la comunidad \u00a0 \u00a0 Esta Corporaci\u00f3n, en diversos \u00a0 pronunciamientos ha se\u00f1alado que los derechos de las comunidades ind\u00edgenas \u00a0 pueden ser defendidos por sus dirigentes o sus miembros, pues estos \u201cgozan de legitimidad para \u00a0 reclamar en sede de tutela la protecci\u00f3n de los derechos fundamentales de los \u00a0 cuales goza su comunidad. As\u00ed mismo ha admitido que pueden hacerlo las \u00a0 organizaciones\u00a0creadas para la defensa de los derechos ...<br \/><div class=\"pt-cv-rmwrap\"><a href=\"https:\/\/www.dmsjuridica.com\/buscador_20179478954\/corteconstitucionalcronologico202454587\/t-866-13\/\" class=\"_self pt-cv-readmore btn btn-success\" target=\"_self\">Ver Sentencia Completa...<\/a><\/div><\/div><\/div><\/div>\n<div class=\"col-md-12 col-sm-12 col-xs-12 pt-cv-content-item pt-cv-1-col\" ><div class='pt-cv-ifield'><a href=\"https:\/\/www.dmsjuridica.com\/buscador_20179478954\/corteconstitucionalcronologico202454587\/t-865-13\/\" class=\"_self pt-cv-href-thumbnail pt-cv-thumb-default\" target=\"_self\" ><\/a>\n<div class=\"pt-cv-taxoterm above_title\"><a href='https:\/\/www.dmsjuridica.com\/buscador_20179478954\/corteconstitucionalcronologico202454587\/category\/buscar-en-toda-la-corte\/2013\/tutelas-2013\/' title='Tutelas 2013' class='pt-cv-tax-tutelas-2013'>Tutelas 2013<\/a><\/div>\n<h4 class=\"pt-cv-title\"><a href=\"https:\/\/www.dmsjuridica.com\/buscador_20179478954\/corteconstitucionalcronologico202454587\/t-865-13\/\" class=\"_self\" target=\"_self\" >T-865-13<\/a><\/h4>\n<div class=\"pt-cv-content\">\u00a0 \u00a0 \u00a0 \u00a0 \u00a0 \u00a0T-865-13 \u00a0 \u00a0 \u00a0 \u00a0 \u00a0 \u00a0\u00a0 Sentencia T-865\/13 \u00a0 \u00a0 ACCION DE TUTELA PARA EL \u00a0 RECONOCIMIENTO DE INDEMNIZACION SUSTITUTIVA DE PENSION DE VEJEZ-Procedencia cuando afecta m\u00ednimo vital y \u00a0 dem\u00e1s derechos de personas de la tercera edad \u00a0 \u00a0 INDEMNIZACION SUSTITUTIVA \u00a0 DE PENSION DE VEJEZ-Entidades \u00a0 encargadas de su reconocimiento, deben tener en cuenta semanas cotizadas con \u00a0 anterioridad a vigencia del Sistema de Seguridad Social en Pensiones \u00a0 \u00a0 La Corte ha sostenido que se trata de un derecho suplementario para quienes no \u00a0 logran acreditar los requisitos para obtener la ...<br \/><div class=\"pt-cv-rmwrap\"><a href=\"https:\/\/www.dmsjuridica.com\/buscador_20179478954\/corteconstitucionalcronologico202454587\/t-865-13\/\" class=\"_self pt-cv-readmore btn btn-success\" target=\"_self\">Ver Sentencia Completa...<\/a><\/div><\/div><\/div><\/div>\n<div class=\"col-md-12 col-sm-12 col-xs-12 pt-cv-content-item pt-cv-1-col\" ><div class='pt-cv-ifield'><a href=\"https:\/\/www.dmsjuridica.com\/buscador_20179478954\/corteconstitucionalcronologico202454587\/t-864-13\/\" class=\"_self pt-cv-href-thumbnail pt-cv-thumb-default\" target=\"_self\" ><\/a>\n<div class=\"pt-cv-taxoterm above_title\"><a href='https:\/\/www.dmsjuridica.com\/buscador_20179478954\/corteconstitucionalcronologico202454587\/category\/buscar-en-toda-la-corte\/2013\/tutelas-2013\/' title='Tutelas 2013' class='pt-cv-tax-tutelas-2013'>Tutelas 2013<\/a><\/div>\n<h4 class=\"pt-cv-title\"><a href=\"https:\/\/www.dmsjuridica.com\/buscador_20179478954\/corteconstitucionalcronologico202454587\/t-864-13\/\" class=\"_self\" target=\"_self\" >T-864-13<\/a><\/h4>\n<div class=\"pt-cv-content\">\u00a0 \u00a0 \u00a0 \u00a0 \u00a0 \u00a0T-864-13 \u00a0 \u00a0 \u00a0 \u00a0 \u00a0 \u00a0\u00a0 Sentencia T-864\/13 \u00a0 \u00a0 DERECHO AL AGUA POTABLE-Toda persona tiene derecho fundamental prima facie a \u00a0 disponer y acceder a cantidades suficientes, y de calidad, de agua apta para el \u00a0 consumo humano \u00a0 \u00a0 Para que una persona pueda materializar el goce efectivo de su derecho al agua \u00a0 es necesario que se le protejan, respeten y garanticen, al menos, los siguientes \u00a0 tres derechos fundamentales espec\u00edficos: (i) el derecho a disponer, y a (ii) \u00a0 acceder a cantidades suficientes de agua,\u00a0 (iii) que adem\u00e1s sea de ...<br \/><div class=\"pt-cv-rmwrap\"><a href=\"https:\/\/www.dmsjuridica.com\/buscador_20179478954\/corteconstitucionalcronologico202454587\/t-864-13\/\" class=\"_self pt-cv-readmore btn btn-success\" target=\"_self\">Ver Sentencia Completa...<\/a><\/div><\/div><\/div><\/div>\n<div class=\"col-md-12 col-sm-12 col-xs-12 pt-cv-content-item pt-cv-1-col\" ><div class='pt-cv-ifield'><a href=\"https:\/\/www.dmsjuridica.com\/buscador_20179478954\/corteconstitucionalcronologico202454587\/t-863-13\/\" class=\"_self pt-cv-href-thumbnail pt-cv-thumb-default\" target=\"_self\" ><\/a>\n<div class=\"pt-cv-taxoterm above_title\"><a href='https:\/\/www.dmsjuridica.com\/buscador_20179478954\/corteconstitucionalcronologico202454587\/category\/buscar-en-toda-la-corte\/2013\/tutelas-2013\/' title='Tutelas 2013' class='pt-cv-tax-tutelas-2013'>Tutelas 2013<\/a><\/div>\n<h4 class=\"pt-cv-title\"><a href=\"https:\/\/www.dmsjuridica.com\/buscador_20179478954\/corteconstitucionalcronologico202454587\/t-863-13\/\" class=\"_self\" target=\"_self\" >T-863-13<\/a><\/h4>\n<div class=\"pt-cv-content\">\u00a0 \u00a0 \u00a0 \u00a0 \u00a0 \u00a0T-863-13 \u00a0 \u00a0 \u00a0 \u00a0 \u00a0 \u00a0\u00a0 Sentencia T-863\/13 \u00a0 \u00a0 ACCION DE TUTELA CONTRA PROVIDENCIAS JUDICIALES-Requisitos generales y especiales de procedibilidad \u00a0 \u00a0 ACCION DE TUTELA CONTRA PROVIDENCIAS JUDICIALES POR \u00a0 DEFECTO \"ERROR INDUCIDO\" O \"VIA DE HECHO POR CONSECUENCIA\"-Configuraci\u00f3n \u00a0 \u00a0 El error inducido \u201cse presenta cuando el juez o \u00a0 tribunal fue v\u00edctima de un enga\u00f1o por parte de terceros y ese enga\u00f1o lo condujo \u00a0 a la toma de una decisi\u00f3n que afecta derechos fundamentales\u201d. En estos casos la providencia judicial es emitida por \u00a0 el funcionario judicial de manera razonada ...<br \/><div class=\"pt-cv-rmwrap\"><a href=\"https:\/\/www.dmsjuridica.com\/buscador_20179478954\/corteconstitucionalcronologico202454587\/t-863-13\/\" class=\"_self pt-cv-readmore btn btn-success\" target=\"_self\">Ver Sentencia Completa...<\/a><\/div><\/div><\/div><\/div>\n<div class=\"col-md-12 col-sm-12 col-xs-12 pt-cv-content-item pt-cv-1-col\" ><div class='pt-cv-ifield'><a href=\"https:\/\/www.dmsjuridica.com\/buscador_20179478954\/corteconstitucionalcronologico202454587\/t-862-13\/\" class=\"_self pt-cv-href-thumbnail pt-cv-thumb-default\" target=\"_self\" ><\/a>\n<div class=\"pt-cv-taxoterm above_title\"><a href='https:\/\/www.dmsjuridica.com\/buscador_20179478954\/corteconstitucionalcronologico202454587\/category\/buscar-en-toda-la-corte\/2013\/tutelas-2013\/' title='Tutelas 2013' class='pt-cv-tax-tutelas-2013'>Tutelas 2013<\/a><\/div>\n<h4 class=\"pt-cv-title\"><a href=\"https:\/\/www.dmsjuridica.com\/buscador_20179478954\/corteconstitucionalcronologico202454587\/t-862-13\/\" class=\"_self\" target=\"_self\" >T-862-13<\/a><\/h4>\n<div class=\"pt-cv-content\">\u00a0 \u00a0 \u00a0 \u00a0 \u00a0 \u00a0T-862-13 \u00a0 \u00a0 \u00a0 \u00a0 \u00a0 \u00a0\u00a0 Sentencia T-862\/13 \u00a0 \u00a0 LEY 1122\/07-Confiri\u00f3 \u00a0 a Superintendencia Nacional de Salud facultades jurisdiccionales para adelantar \u00a0 procedimientos que resuelvan controversias entre entidades promotoras de salud y \u00a0 usuarios\/LEY 1438\/11-Reform\u00f3 el Sistema General de Seguridad Social en \u00a0 Salud, ampliando el \u00e1mbito de competencia de la Superintendencia Nacional de \u00a0 Salud, e instituy\u00f3 un procedimiento \u201cpreferente y sumario\" \u00a0 \u00a0 FUNCION \u00a0 JURISDICCIONAL POR SUPERINTENDENCIA NACIONAL DE SALUD-Caracter\u00edsticas \u00a0 \u00a0 DERECHO AL \u00a0 PAGO DE INCAPACIDAD LABORAL-Procedencia de tutela cuando afecta m\u00ednimo vital \u00a0 del trabajador y su ...<br \/><div class=\"pt-cv-rmwrap\"><a href=\"https:\/\/www.dmsjuridica.com\/buscador_20179478954\/corteconstitucionalcronologico202454587\/t-862-13\/\" class=\"_self pt-cv-readmore btn btn-success\" target=\"_self\">Ver Sentencia Completa...<\/a><\/div><\/div><\/div><\/div>\n<div class=\"col-md-12 col-sm-12 col-xs-12 pt-cv-content-item pt-cv-1-col\" ><div class='pt-cv-ifield'><a href=\"https:\/\/www.dmsjuridica.com\/buscador_20179478954\/corteconstitucionalcronologico202454587\/t-861-13\/\" class=\"_self pt-cv-href-thumbnail pt-cv-thumb-default\" target=\"_self\" ><\/a>\n<div class=\"pt-cv-taxoterm above_title\"><a href='https:\/\/www.dmsjuridica.com\/buscador_20179478954\/corteconstitucionalcronologico202454587\/category\/buscar-en-toda-la-corte\/2013\/tutelas-2013\/' title='Tutelas 2013' class='pt-cv-tax-tutelas-2013'>Tutelas 2013<\/a><\/div>\n<h4 class=\"pt-cv-title\"><a href=\"https:\/\/www.dmsjuridica.com\/buscador_20179478954\/corteconstitucionalcronologico202454587\/t-861-13\/\" class=\"_self\" target=\"_self\" >T-861-13<\/a><\/h4>\n<div class=\"pt-cv-content\">\u00a0 \u00a0 \u00a0 \u00a0 \u00a0 \u00a0T-861-13 \u00a0 \u00a0 \u00a0 \u00a0 \u00a0 \u00a0\u00a0 Sentencia \u00a0 T-861\/13 \u00a0 \u00a0 \u00a0 DERECHOS FUNDAMENTALES DE PERSONAS PRIVADAS DE LA \u00a0 LIBERTAD-Clasificaci\u00f3n en tres grupos: \u00a0 derechos suspendidos, derechos intocables y derechos restringidos o limitados \u00a0 \u00a0 DERECHOS FUNDAMENTALES DE PERSONAS PRIVADAS DE LA \u00a0 LIBERTAD-Condiciones carcelarias y \u00a0 deber de prevenci\u00f3n del Estado para garantizar derechos del interno, seg\u00fan CIDH \u00a0 \u00a0 DERECHOS FUNDAMENTALES DE PERSONAS PRIVADAS DE LA \u00a0 LIBERTAD-CIDH ha incorporado en su \u00a0 jurisprudencia los principales est\u00e1ndares sobre condiciones carcelarias y el \u00a0 deber de prevenci\u00f3n que el Estado est\u00e1 obligado ...<br \/><div class=\"pt-cv-rmwrap\"><a href=\"https:\/\/www.dmsjuridica.com\/buscador_20179478954\/corteconstitucionalcronologico202454587\/t-861-13\/\" class=\"_self pt-cv-readmore btn btn-success\" target=\"_self\">Ver Sentencia Completa...<\/a><\/div><\/div><\/div><\/div>\n<div class=\"col-md-12 col-sm-12 col-xs-12 pt-cv-content-item pt-cv-1-col\" ><div class='pt-cv-ifield'><a href=\"https:\/\/www.dmsjuridica.com\/buscador_20179478954\/corteconstitucionalcronologico202454587\/t-860-13\/\" class=\"_self pt-cv-href-thumbnail pt-cv-thumb-default\" target=\"_self\" ><\/a>\n<div class=\"pt-cv-taxoterm above_title\"><a href='https:\/\/www.dmsjuridica.com\/buscador_20179478954\/corteconstitucionalcronologico202454587\/category\/buscar-en-toda-la-corte\/2013\/tutelas-2013\/' title='Tutelas 2013' class='pt-cv-tax-tutelas-2013'>Tutelas 2013<\/a><\/div>\n<h4 class=\"pt-cv-title\"><a href=\"https:\/\/www.dmsjuridica.com\/buscador_20179478954\/corteconstitucionalcronologico202454587\/t-860-13\/\" class=\"_self\" target=\"_self\" >T-860-13<\/a><\/h4>\n<div class=\"pt-cv-content\">\u00a0 \u00a0 \u00a0 \u00a0 \u00a0 \u00a0T-860-13 \u00a0 \u00a0 \u00a0 \u00a0 \u00a0 \u00a0\u00a0 Sentencia T-860\/13 \u00a0 \u00a0 ACCION DE \u00a0 TUTELA-Firma del accionante o de aquella persona que est\u00e1 agenciando \u00a0 derechos a favor de terceros como requisito m\u00ednimo \u00a0 \u00a0 DERECHO A LA \u00a0 EDUCACION FRENTE A DERECHOS ECONOMICOS DE LAS INSTITUCIONES EDUCATIVAS-Requisitos \u00a0 de prevalencia \u00a0 \u00a0 La \u00a0 protecci\u00f3n de los derechos fundamentales a la educaci\u00f3n prevalece respecto de \u00a0 los intereses econ\u00f3micos de las entidades educativas, cuando se demuestra: (i) \u00a0 que efectivamente hay una justa causa en la imposibilidad de pagar las \u00a0 obligaciones pecuniarias y, ...<br \/><div class=\"pt-cv-rmwrap\"><a href=\"https:\/\/www.dmsjuridica.com\/buscador_20179478954\/corteconstitucionalcronologico202454587\/t-860-13\/\" class=\"_self pt-cv-readmore btn btn-success\" target=\"_self\">Ver Sentencia Completa...<\/a><\/div><\/div><\/div><\/div>\n<div class=\"col-md-12 col-sm-12 col-xs-12 pt-cv-content-item pt-cv-1-col\" ><div class='pt-cv-ifield'><a href=\"https:\/\/www.dmsjuridica.com\/buscador_20179478954\/corteconstitucionalcronologico202454587\/t-859-13\/\" class=\"_self pt-cv-href-thumbnail pt-cv-thumb-default\" target=\"_self\" ><\/a>\n<div class=\"pt-cv-taxoterm above_title\"><a href='https:\/\/www.dmsjuridica.com\/buscador_20179478954\/corteconstitucionalcronologico202454587\/category\/buscar-en-toda-la-corte\/2013\/tutelas-2013\/' title='Tutelas 2013' class='pt-cv-tax-tutelas-2013'>Tutelas 2013<\/a><\/div>\n<h4 class=\"pt-cv-title\"><a href=\"https:\/\/www.dmsjuridica.com\/buscador_20179478954\/corteconstitucionalcronologico202454587\/t-859-13\/\" class=\"_self\" target=\"_self\" >T-859-13<\/a><\/h4>\n<div class=\"pt-cv-content\">\u00a0 \u00a0 \u00a0 \u00a0 \u00a0 \u00a0T-859-13 \u00a0 \u00a0 \u00a0 \u00a0 \u00a0 \u00a0\u00a0 Sentencia T-859\/13 \u00a0 \u00a0 FUNDAMENTALIDAD DEL DERECHO A LA SALUD-Principios rectores como eficiencia, universalidad y \u00a0 solidaridad \u00a0 \u00a0 El derecho a la Salud se encuentra consagrado como un \u00a0 derecho fundamental inalienable del que gozan todos los habitantes del \u00a0 territorio Colombiano, bajo la organizaci\u00f3n, coordinaci\u00f3n y control del Estado, \u00a0 conforme a los principios de \u00a0 eficiencia, universalidad y solidaridad. que la salud tiene una doble \u00a0 connotaci\u00f3n: como derecho y como servicio p\u00fablico, precisando que todas las \u00a0 personas deben acceder a \u00e9l, y que ...<br \/><div class=\"pt-cv-rmwrap\"><a href=\"https:\/\/www.dmsjuridica.com\/buscador_20179478954\/corteconstitucionalcronologico202454587\/t-859-13\/\" class=\"_self pt-cv-readmore btn btn-success\" target=\"_self\">Ver Sentencia Completa...<\/a><\/div><\/div><\/div><\/div>\n<div class=\"col-md-12 col-sm-12 col-xs-12 pt-cv-content-item pt-cv-1-col\" ><div class='pt-cv-ifield'><a href=\"https:\/\/www.dmsjuridica.com\/buscador_20179478954\/corteconstitucionalcronologico202454587\/t-858-13\/\" class=\"_self pt-cv-href-thumbnail pt-cv-thumb-default\" target=\"_self\" ><\/a>\n<div class=\"pt-cv-taxoterm above_title\"><a href='https:\/\/www.dmsjuridica.com\/buscador_20179478954\/corteconstitucionalcronologico202454587\/category\/buscar-en-toda-la-corte\/2013\/tutelas-2013\/' title='Tutelas 2013' class='pt-cv-tax-tutelas-2013'>Tutelas 2013<\/a><\/div>\n<h4 class=\"pt-cv-title\"><a href=\"https:\/\/www.dmsjuridica.com\/buscador_20179478954\/corteconstitucionalcronologico202454587\/t-858-13\/\" class=\"_self\" target=\"_self\" >T-858-13<\/a><\/h4>\n<div class=\"pt-cv-content\">\u00a0 \u00a0 \u00a0 \u00a0 \u00a0 \u00a0T-858-13 \u00a0 \u00a0 \u00a0 \u00a0 \u00a0 \u00a0\u00a0 Sentencia \u00a0 T-858\/13 \u00a0 \u00a0 ACCION DE TUTELA CONTRA ACTOS ADMINISTRATIVOS-Procedencia excepcional como mecanismo transitorio para \u00a0 evitar un perjuicio irremediable \u00a0 \u00a0 Es claro que, m\u00e1s all\u00e1 de la existencia de un mecanismo ordinario, la acci\u00f3n de \u00a0 tutela puede ser aplicable en los casos en que opere como un mecanismo \u00a0 transitorio frente a la inminente vulneraci\u00f3n de derechos fundamentales que \u00a0 generen un perjuicio irremediable en la v\u00edctima. Es oportuno en este punto, dar \u00a0 respuesta a la pregunta: \u00bfqu\u00e9 entiende la Corte Constitucional por ...<br \/><div class=\"pt-cv-rmwrap\"><a href=\"https:\/\/www.dmsjuridica.com\/buscador_20179478954\/corteconstitucionalcronologico202454587\/t-858-13\/\" class=\"_self pt-cv-readmore btn btn-success\" target=\"_self\">Ver Sentencia Completa...<\/a><\/div><\/div><\/div><\/div>\n<div class=\"col-md-12 col-sm-12 col-xs-12 pt-cv-content-item pt-cv-1-col\" ><div class='pt-cv-ifield'><a href=\"https:\/\/www.dmsjuridica.com\/buscador_20179478954\/corteconstitucionalcronologico202454587\/t-857-13\/\" class=\"_self pt-cv-href-thumbnail pt-cv-thumb-default\" target=\"_self\" ><\/a>\n<div class=\"pt-cv-taxoterm above_title\"><a href='https:\/\/www.dmsjuridica.com\/buscador_20179478954\/corteconstitucionalcronologico202454587\/category\/buscar-en-toda-la-corte\/2013\/tutelas-2013\/' title='Tutelas 2013' class='pt-cv-tax-tutelas-2013'>Tutelas 2013<\/a><\/div>\n<h4 class=\"pt-cv-title\"><a href=\"https:\/\/www.dmsjuridica.com\/buscador_20179478954\/corteconstitucionalcronologico202454587\/t-857-13\/\" class=\"_self\" target=\"_self\" >T-857-13<\/a><\/h4>\n<div class=\"pt-cv-content\">\u00a0 \u00a0 \u00a0 \u00a0 \u00a0 \u00a0T-857-13 \u00a0 \u00a0 \u00a0 \u00a0 \u00a0 \u00a0\u00a0 Sentencia T-857\/13 \u00a0 \u00a0 RELACIONES DE ESPECIAL SUJECION ENTRE LOS \u00a0 INTERNOS Y EL ESTADO-Respeto \u00a0 por la dignidad humana de personas privadas de la libertad \u00a0 \u00a0 DIGNIDAD HUMANA DE PERSONAS PRIVADAS DE LA \u00a0 LIBERTAD-Protecci\u00f3n \u00a0 constitucional e internacional \u00a0 \u00a0 DERECHOS FUNDAMENTALES DE PERSONAS \u00a0 PRIVADAS DE LA LIBERTAD-CIDH \u00a0 ha incorporado en su jurisprudencia los principales est\u00e1ndares sobre condiciones \u00a0 carcelarias y el deber de prevenci\u00f3n que el Estado est\u00e1 obligado a garantizar \u00a0 \u00a0 La Corte Interamericana de Derechos Humanos como m\u00e1xima \u00a0 ...<br \/><div class=\"pt-cv-rmwrap\"><a href=\"https:\/\/www.dmsjuridica.com\/buscador_20179478954\/corteconstitucionalcronologico202454587\/t-857-13\/\" class=\"_self pt-cv-readmore btn btn-success\" target=\"_self\">Ver Sentencia Completa...<\/a><\/div><\/div><\/div><\/div>\n<div class=\"col-md-12 col-sm-12 col-xs-12 pt-cv-content-item pt-cv-1-col\" ><div class='pt-cv-ifield'><a href=\"https:\/\/www.dmsjuridica.com\/buscador_20179478954\/corteconstitucionalcronologico202454587\/t-849a-13\/\" class=\"_self pt-cv-href-thumbnail pt-cv-thumb-default\" target=\"_self\" ><\/a>\n<div class=\"pt-cv-taxoterm above_title\"><a href='https:\/\/www.dmsjuridica.com\/buscador_20179478954\/corteconstitucionalcronologico202454587\/category\/buscar-en-toda-la-corte\/2013\/tutelas-2013\/' title='Tutelas 2013' class='pt-cv-tax-tutelas-2013'>Tutelas 2013<\/a><\/div>\n<h4 class=\"pt-cv-title\"><a href=\"https:\/\/www.dmsjuridica.com\/buscador_20179478954\/corteconstitucionalcronologico202454587\/t-849a-13\/\" class=\"_self\" target=\"_self\" >T-849A-13<\/a><\/h4>\n<div class=\"pt-cv-content\">\u00a0 \u00a0 \u00a0 \u00a0 \u00a0 \u00a0T-849A-13 \u00a0 \u00a0 \u00a0 \u00a0 \u00a0 \u00a0\u00a0 Sentencia \u00a0 T-849A\/13 \u00a0 \u00a0 ACCION DE TUTELA CONTRA PROVIDENCIAS JUDICIALES-Requisitos \u00a0 generales y especiales de procedibilidad \u00a0 \u00a0 CARACTERIZACION DEL DEFECTO FACTICO COMO CAUSAL ESPECIFICA DE PROCEDIBILIDAD DE \u00a0 LA ACCION DE TUTELA CONTRA PROVIDENCIAS JUDICIALES \u00a0 \u00a0 DEFECTO FACTICO-Dimensi\u00f3n \u00a0 negativa y positiva \u00a0 \u00a0 El defecto f\u00e1ctico se \u00a0 presenta en dos dimensiones a saber, y que corresponden a: una dimensi\u00f3n \u00a0 negativa, que se presenta cuando el juez niega el decreto o la pr\u00e1ctica de una \u00a0 prueba o la valora arbitraria, irracional y ...<br \/><div class=\"pt-cv-rmwrap\"><a href=\"https:\/\/www.dmsjuridica.com\/buscador_20179478954\/corteconstitucionalcronologico202454587\/t-849a-13\/\" class=\"_self pt-cv-readmore btn btn-success\" target=\"_self\">Ver Sentencia Completa...<\/a><\/div><\/div><\/div><\/div>\n<div class=\"col-md-12 col-sm-12 col-xs-12 pt-cv-content-item pt-cv-1-col\" ><div class='pt-cv-ifield'><a href=\"https:\/\/www.dmsjuridica.com\/buscador_20179478954\/corteconstitucionalcronologico202454587\/t-849-13\/\" class=\"_self pt-cv-href-thumbnail pt-cv-thumb-default\" target=\"_self\" ><\/a>\n<div class=\"pt-cv-taxoterm above_title\"><a href='https:\/\/www.dmsjuridica.com\/buscador_20179478954\/corteconstitucionalcronologico202454587\/category\/buscar-en-toda-la-corte\/2013\/tutelas-2013\/' title='Tutelas 2013' class='pt-cv-tax-tutelas-2013'>Tutelas 2013<\/a><\/div>\n<h4 class=\"pt-cv-title\"><a href=\"https:\/\/www.dmsjuridica.com\/buscador_20179478954\/corteconstitucionalcronologico202454587\/t-849-13\/\" class=\"_self\" target=\"_self\" >T-849-13<\/a><\/h4>\n<div class=\"pt-cv-content\">\u00a0 \u00a0 \u00a0 \u00a0 \u00a0 \u00a0T-849-13 \u00a0 \u00a0 \u00a0 \u00a0 \u00a0 \u00a0\u00a0 Sentencia T-849\/13 \u00a0 \u00a0 RELACIONES DE ESPECIAL SUJECION ENTRE LOS \u00a0 INTERNOS Y EL ESTADO-Garant\u00eda \u00a0 y respeto de derechos fundamentales del interno \u00a0 \u00a0 Entre las personas recluidas en un establecimiento \u00a0 penitenciario como consecuencia del cumplimiento de una medida de aseguramiento \u00a0 o una pena por la comisi\u00f3n de un delito y el Estado como autoridad punitiva, \u00a0 surge una relaci\u00f3n, en la cual cada una de las partes asume derechos y \u00a0 obligaciones espec\u00edficas. Frente a las obligaciones del Estado, est\u00e1 la de \u00a0 garantizar ...<br \/><div class=\"pt-cv-rmwrap\"><a href=\"https:\/\/www.dmsjuridica.com\/buscador_20179478954\/corteconstitucionalcronologico202454587\/t-849-13\/\" class=\"_self pt-cv-readmore btn btn-success\" target=\"_self\">Ver Sentencia Completa...<\/a><\/div><\/div><\/div><\/div>\n<div class=\"col-md-12 col-sm-12 col-xs-12 pt-cv-content-item pt-cv-1-col\" ><div class='pt-cv-ifield'><a href=\"https:\/\/www.dmsjuridica.com\/buscador_20179478954\/corteconstitucionalcronologico202454587\/t-848-13\/\" class=\"_self pt-cv-href-thumbnail pt-cv-thumb-default\" target=\"_self\" ><\/a>\n<div class=\"pt-cv-taxoterm above_title\"><a href='https:\/\/www.dmsjuridica.com\/buscador_20179478954\/corteconstitucionalcronologico202454587\/category\/buscar-en-toda-la-corte\/2013\/tutelas-2013\/' title='Tutelas 2013' class='pt-cv-tax-tutelas-2013'>Tutelas 2013<\/a><\/div>\n<h4 class=\"pt-cv-title\"><a href=\"https:\/\/www.dmsjuridica.com\/buscador_20179478954\/corteconstitucionalcronologico202454587\/t-848-13\/\" class=\"_self\" target=\"_self\" >T-848-13<\/a><\/h4>\n<div class=\"pt-cv-content\">\u00a0 \u00a0 \u00a0 \u00a0 \u00a0 \u00a0T-848-13 \u00a0 \u00a0 \u00a0 \u00a0 \u00a0 \u00a0\u00a0 Sentencia \u00a0 T-848\/13 \u00a0 \u00a0 DERECHO FUNDAMENTAL A LA SEGURIDAD SOCIAL-Contenido\/PRINCIPIOS FUNDAMENTALES DE \u00a0 LA SEGURIDAD SOCIAL-Universalidad, eficiencia, solidaridad \u00a0 \u00a0 El derecho a la \u00a0 seguridad social protege a las personas que est\u00e1n en imposibilidad f\u00edsica o \u00a0 mental para obtener los medios de subsistencia que le permitan llevar una vida \u00a0 digna a causa de la vejez, del desempleo o de una enfermedad o incapacidad \u00a0 laboral. \u00a0 Tal como se indic\u00f3, el art\u00edculo 48 de la Carta indica que el sistema de \u00a0 seguridad social ...<br \/><div class=\"pt-cv-rmwrap\"><a href=\"https:\/\/www.dmsjuridica.com\/buscador_20179478954\/corteconstitucionalcronologico202454587\/t-848-13\/\" class=\"_self pt-cv-readmore btn btn-success\" target=\"_self\">Ver Sentencia Completa...<\/a><\/div><\/div><\/div><\/div>\n<div class=\"col-md-12 col-sm-12 col-xs-12 pt-cv-content-item pt-cv-1-col\" ><div class='pt-cv-ifield'><a href=\"https:\/\/www.dmsjuridica.com\/buscador_20179478954\/corteconstitucionalcronologico202454587\/t-847-13\/\" class=\"_self pt-cv-href-thumbnail pt-cv-thumb-default\" target=\"_self\" ><\/a>\n<div class=\"pt-cv-taxoterm above_title\"><a href='https:\/\/www.dmsjuridica.com\/buscador_20179478954\/corteconstitucionalcronologico202454587\/category\/buscar-en-toda-la-corte\/2013\/tutelas-2013\/' title='Tutelas 2013' class='pt-cv-tax-tutelas-2013'>Tutelas 2013<\/a><\/div>\n<h4 class=\"pt-cv-title\"><a href=\"https:\/\/www.dmsjuridica.com\/buscador_20179478954\/corteconstitucionalcronologico202454587\/t-847-13\/\" class=\"_self\" target=\"_self\" >T-847-13<\/a><\/h4>\n<div class=\"pt-cv-content\">\u00a0 \u00a0 \u00a0 \u00a0 \u00a0 \u00a0T-847-13 \u00a0 \u00a0 \u00a0 \u00a0 \u00a0 \u00a0\u00a0 Sentencia T-847\/13 \u00a0 \u00a0 CARENCIA ACTUAL DE OBJETO POR HECHO SUPERADO-No impide a la Corte Constitucional \u00a0 pronunciamiento de fondo sobre la existencia de una violaci\u00f3n de derechos \u00a0 fundamentales y futuras violaciones \u00a0 \u00a0 DERECHO FUNDAMENTAL A LA EDUCACION-Contenido y protecci\u00f3n reforzada trat\u00e1ndose de \u00a0 personas en situaci\u00f3n de discapacidad \u00a0 \u00a0 DERECHO A LA EDUCACION DE NI\u00d1OS, NI\u00d1AS Y ADOLESCENTES EN SITUACION DE \u00a0 DISCAPACIDAD-Protecci\u00f3n \u00a0 constitucional y en los tratados y convenios internacionales \u00a0 \u00a0 DERECHO A LA EDUCACION INCLUSIVA DE NI\u00d1OS EN SITUACION DE ...<br \/><div class=\"pt-cv-rmwrap\"><a href=\"https:\/\/www.dmsjuridica.com\/buscador_20179478954\/corteconstitucionalcronologico202454587\/t-847-13\/\" class=\"_self pt-cv-readmore btn btn-success\" target=\"_self\">Ver Sentencia Completa...<\/a><\/div><\/div><\/div><\/div>\n<div class=\"col-md-12 col-sm-12 col-xs-12 pt-cv-content-item pt-cv-1-col\" ><div class='pt-cv-ifield'><a href=\"https:\/\/www.dmsjuridica.com\/buscador_20179478954\/corteconstitucionalcronologico202454587\/t-846-13\/\" class=\"_self pt-cv-href-thumbnail pt-cv-thumb-default\" target=\"_self\" ><\/a>\n<div class=\"pt-cv-taxoterm above_title\"><a href='https:\/\/www.dmsjuridica.com\/buscador_20179478954\/corteconstitucionalcronologico202454587\/category\/buscar-en-toda-la-corte\/2013\/tutelas-2013\/' title='Tutelas 2013' class='pt-cv-tax-tutelas-2013'>Tutelas 2013<\/a><\/div>\n<h4 class=\"pt-cv-title\"><a href=\"https:\/\/www.dmsjuridica.com\/buscador_20179478954\/corteconstitucionalcronologico202454587\/t-846-13\/\" class=\"_self\" target=\"_self\" >T-846-13<\/a><\/h4>\n<div class=\"pt-cv-content\">\u00a0 \u00a0 \u00a0 \u00a0 \u00a0 \u00a0T-846-13 \u00a0 \u00a0 \u00a0 \u00a0 \u00a0 \u00a0\u00a0 Sentencia \u00a0 T-846\/13 \u00a0 \u00a0 DERECHO A LA SALUD DEL INTERNO-Obligaci\u00f3n del Estado de garantizar prestaci\u00f3n por \u00a0 intermedio del sistema carcelario en condiciones dignas y sin dilaciones en el \u00a0 servicio integral \u00a0 \u00a0 DERECHOS FUNDAMENTALES A LA VIDA DIGNA EN RELACION CON \u00a0 LA SALUD DE POBLACION CARCELARIA-Obligaciones \u00a0 espec\u00edficas del Estado \u00a0 \u00a0 El Estado, en su funci\u00f3n de garante, debe dise\u00f1ar y aplicar una pol\u00edtica \u00a0 penitenciaria de prevenci\u00f3n de situaciones cr\u00edticas que puedan poner en peligro \u00a0 los derechos fundamentales de los internos ...<br \/><div class=\"pt-cv-rmwrap\"><a href=\"https:\/\/www.dmsjuridica.com\/buscador_20179478954\/corteconstitucionalcronologico202454587\/t-846-13\/\" class=\"_self pt-cv-readmore btn btn-success\" target=\"_self\">Ver Sentencia Completa...<\/a><\/div><\/div><\/div><\/div>\n<div class=\"col-md-12 col-sm-12 col-xs-12 pt-cv-content-item pt-cv-1-col\" ><div class='pt-cv-ifield'><a href=\"https:\/\/www.dmsjuridica.com\/buscador_20179478954\/corteconstitucionalcronologico202454587\/t-845-13\/\" class=\"_self pt-cv-href-thumbnail pt-cv-thumb-default\" target=\"_self\" ><\/a>\n<div class=\"pt-cv-taxoterm above_title\"><a href='https:\/\/www.dmsjuridica.com\/buscador_20179478954\/corteconstitucionalcronologico202454587\/category\/buscar-en-toda-la-corte\/2013\/tutelas-2013\/' title='Tutelas 2013' class='pt-cv-tax-tutelas-2013'>Tutelas 2013<\/a><\/div>\n<h4 class=\"pt-cv-title\"><a href=\"https:\/\/www.dmsjuridica.com\/buscador_20179478954\/corteconstitucionalcronologico202454587\/t-845-13\/\" class=\"_self\" target=\"_self\" >T-845-13<\/a><\/h4>\n<div class=\"pt-cv-content\">\u00a0 \u00a0 \u00a0 \u00a0 \u00a0 \u00a0T-845-13 \u00a0 \u00a0 \u00a0 \u00a0 \u00a0 \u00a0\u00a0 \u00a0\u00a0\u00a0\u00a0\u00a0\u00a0\u00a0\u00a0\u00a0 \u00a0 NOTA DE RELATORIA: \u00a0 Mediante auto n\u00famero 114 de fecha 25 de abril de 2014, el cual se anexa en la \u00a0 parte final de la presente sentencia, se corrige el error involuntario en el que \u00a0 se incurri\u00f3 en el numeral primero de la parte resolutiva, relacionado con el \u00a0 nombre del despacho judicial referido. \u00a0 \u00a0 Sentencia T-845\/13 \u00a0 \u00a0 ACCION DE TUTELA CONTRA PROVIDENCIAS \u00a0 JUDICIALES-Requisitos \u00a0 generales y especiales de procedibilidad \u00a0 \u00a0 DEFECTO SUSTANTIVO POR INTERPRETACION \u00a0 ERRONEA O IRRAZONABLE DE ...<br \/><div class=\"pt-cv-rmwrap\"><a href=\"https:\/\/www.dmsjuridica.com\/buscador_20179478954\/corteconstitucionalcronologico202454587\/t-845-13\/\" class=\"_self pt-cv-readmore btn btn-success\" target=\"_self\">Ver Sentencia Completa...<\/a><\/div><\/div><\/div><\/div>\n<div class=\"col-md-12 col-sm-12 col-xs-12 pt-cv-content-item pt-cv-1-col\" ><div class='pt-cv-ifield'><a href=\"https:\/\/www.dmsjuridica.com\/buscador_20179478954\/corteconstitucionalcronologico202454587\/t-844-13\/\" class=\"_self pt-cv-href-thumbnail pt-cv-thumb-default\" target=\"_self\" ><\/a>\n<div class=\"pt-cv-taxoterm above_title\"><a href='https:\/\/www.dmsjuridica.com\/buscador_20179478954\/corteconstitucionalcronologico202454587\/category\/buscar-en-toda-la-corte\/2013\/tutelas-2013\/' title='Tutelas 2013' class='pt-cv-tax-tutelas-2013'>Tutelas 2013<\/a><\/div>\n<h4 class=\"pt-cv-title\"><a href=\"https:\/\/www.dmsjuridica.com\/buscador_20179478954\/corteconstitucionalcronologico202454587\/t-844-13\/\" class=\"_self\" target=\"_self\" >T-844-13<\/a><\/h4>\n<div class=\"pt-cv-content\">\u00a0 \u00a0 \u00a0 \u00a0 \u00a0 \u00a0T-844-13 \u00a0 \u00a0 \u00a0 \u00a0 \u00a0 \u00a0\u00a0 Sentencia T-844\/13 \u00a0 \u00a0 DERECHO FUNDAMENTAL A LA SEGURIDAD SOCIAL \u00a0 Y PROTECCION POR MEDIO DE ACCION DE TUTELA-Reiteraci\u00f3n de jurisprudencia \u00a0 \u00a0 ACCION DE TUTELA PARA PROTEGER EL DERECHO \u00a0 FUNDAMENTAL A LA SEGURIDAD SOCIAL CUANDO SU AFECTACION SE DERIVA DEL \u00a0 RECONOCIMIENTO DE UNA PENSION-Reiteraci\u00f3n \u00a0 de jurisprudencia \u00a0 \u00a0 Esta Corte reconoce que el derecho a la seguridad \u00a0 social es un derecho fundamental, independiente y aut\u00f3nomo, que puede ser objeto \u00a0 de protecci\u00f3n constitucional mediante la acci\u00f3n de tutela, cuando, entre otras, \u00a0 se ...<br \/><div class=\"pt-cv-rmwrap\"><a href=\"https:\/\/www.dmsjuridica.com\/buscador_20179478954\/corteconstitucionalcronologico202454587\/t-844-13\/\" class=\"_self pt-cv-readmore btn btn-success\" target=\"_self\">Ver Sentencia Completa...<\/a><\/div><\/div><\/div><\/div>\n<div class=\"col-md-12 col-sm-12 col-xs-12 pt-cv-content-item pt-cv-1-col\" ><div class='pt-cv-ifield'><a href=\"https:\/\/www.dmsjuridica.com\/buscador_20179478954\/corteconstitucionalcronologico202454587\/t-843-13\/\" class=\"_self pt-cv-href-thumbnail pt-cv-thumb-default\" target=\"_self\" ><\/a>\n<div class=\"pt-cv-taxoterm above_title\"><a href='https:\/\/www.dmsjuridica.com\/buscador_20179478954\/corteconstitucionalcronologico202454587\/category\/buscar-en-toda-la-corte\/2013\/tutelas-2013\/' title='Tutelas 2013' class='pt-cv-tax-tutelas-2013'>Tutelas 2013<\/a><\/div>\n<h4 class=\"pt-cv-title\"><a href=\"https:\/\/www.dmsjuridica.com\/buscador_20179478954\/corteconstitucionalcronologico202454587\/t-843-13\/\" class=\"_self\" target=\"_self\" >T-843-13<\/a><\/h4>\n<div class=\"pt-cv-content\">\u00a0 \u00a0 \u00a0 \u00a0 \u00a0 \u00a0T-843-13 \u00a0 \u00a0 \u00a0 \u00a0 \u00a0 \u00a0\u00a0 Sentencia T-843\/13 \u00a0 \u00a0 DERECHO A LA \u00a0 ESTABILIDAD LABORAL REFORZADA DE PERSONA EN CONDICION DE DISCAPACIDAD O \u00a0 DISMINUCION FISICA \u00a0 \u00a0 Las personas en condici\u00f3n de \u00a0 discapacidad son titulares del derecho a obtener una protecci\u00f3n especial por \u00a0 parte del Estado colombiano de acuerdo a la Constituci\u00f3n Pol\u00edtica de 1991 y a \u00a0 los tratados internacionales. De igual forma, a Colombia le asiste la obligaci\u00f3n \u00a0 de garantizar la inclusi\u00f3n laboral de las personas en dicha circunstancia lo \u00a0 cual ha sido objeto de desarrollo ...<br \/><div class=\"pt-cv-rmwrap\"><a href=\"https:\/\/www.dmsjuridica.com\/buscador_20179478954\/corteconstitucionalcronologico202454587\/t-843-13\/\" class=\"_self pt-cv-readmore btn btn-success\" target=\"_self\">Ver Sentencia Completa...<\/a><\/div><\/div><\/div><\/div>\n<div class=\"col-md-12 col-sm-12 col-xs-12 pt-cv-content-item pt-cv-1-col\" ><div class='pt-cv-ifield'><a href=\"https:\/\/www.dmsjuridica.com\/buscador_20179478954\/corteconstitucionalcronologico202454587\/t-842a-13\/\" class=\"_self pt-cv-href-thumbnail pt-cv-thumb-default\" target=\"_self\" ><\/a>\n<div class=\"pt-cv-taxoterm above_title\"><a href='https:\/\/www.dmsjuridica.com\/buscador_20179478954\/corteconstitucionalcronologico202454587\/category\/buscar-en-toda-la-corte\/2013\/tutelas-2013\/' title='Tutelas 2013' class='pt-cv-tax-tutelas-2013'>Tutelas 2013<\/a><\/div>\n<h4 class=\"pt-cv-title\"><a href=\"https:\/\/www.dmsjuridica.com\/buscador_20179478954\/corteconstitucionalcronologico202454587\/t-842a-13\/\" class=\"_self\" target=\"_self\" >T-842A-13<\/a><\/h4>\n<div class=\"pt-cv-content\">\u00a0 \u00a0 \u00a0 \u00a0 \u00a0 \u00a0T-842A-13 \u00a0 \u00a0 \u00a0 \u00a0 \u00a0 \u00a0\u00a0 Sentencia T-842A\/13 \u00a0 \u00a0 LIBERTAD DE ASOCIACION SINDICAL-Protecci\u00f3n constitucional especial \u00a0 \u00a0 DERECHO A LA LIBERTAD SINDICAL-Fundamental \u00a0 \u00a0 La libertad \u00a0 sindical es un derecho fundamental, de acuerdo con jurisprudencia consolidada de \u00a0 esta Corporaci\u00f3n, el art\u00edculo 39 de la Carta Pol\u00edtica y los convenios 87 y 98 de \u00a0 la Organizaci\u00f3n Internacional del Trabajo, integrados al orden interno con rango \u00a0 de normas constitucionales, en virtud del art\u00edculo 93 Superior (Bloque de \u00a0 constitucionalidad). En virtud del derecho de asociaci\u00f3n sindical, los \u00a0 trabajadores pueden constituir ...<br \/><div class=\"pt-cv-rmwrap\"><a href=\"https:\/\/www.dmsjuridica.com\/buscador_20179478954\/corteconstitucionalcronologico202454587\/t-842a-13\/\" class=\"_self pt-cv-readmore btn btn-success\" target=\"_self\">Ver Sentencia Completa...<\/a><\/div><\/div><\/div><\/div>\n<div class=\"col-md-12 col-sm-12 col-xs-12 pt-cv-content-item pt-cv-1-col\" ><div class='pt-cv-ifield'><a href=\"https:\/\/www.dmsjuridica.com\/buscador_20179478954\/corteconstitucionalcronologico202454587\/t-832a-13\/\" class=\"_self pt-cv-href-thumbnail pt-cv-thumb-default\" target=\"_self\" ><\/a>\n<div class=\"pt-cv-taxoterm above_title\"><a href='https:\/\/www.dmsjuridica.com\/buscador_20179478954\/corteconstitucionalcronologico202454587\/category\/buscar-en-toda-la-corte\/2013\/tutelas-2013\/' title='Tutelas 2013' class='pt-cv-tax-tutelas-2013'>Tutelas 2013<\/a><\/div>\n<h4 class=\"pt-cv-title\"><a href=\"https:\/\/www.dmsjuridica.com\/buscador_20179478954\/corteconstitucionalcronologico202454587\/t-832a-13\/\" class=\"_self\" target=\"_self\" >T-832A-13<\/a><\/h4>\n<div class=\"pt-cv-content\">\u00a0 \u00a0 \u00a0 \u00a0 \u00a0 \u00a0T-832A-13 \u00a0 \u00a0 \u00a0 \u00a0 \u00a0 \u00a0\u00a0 Sentencia T-832A\/13 \u00a0 \u00a0 ACCION DE TUTELA CONTRA PROVIDENCIAS \u00a0 JUDICIALES-Requisitos \u00a0 generales y especiales de procedibilidad \u00a0 \u00a0 DEFECTO FACTICO POR LA NO VALORACION DEL \u00a0 ACERVO PROBATORIO-Ausencia \u00a0 de valoraci\u00f3n probatoria por parte del funcionario judicial \u00a0 \u00a0 ACCION DE TUTELA CONTRA PROVIDENCIAS \u00a0 JUDICIALES-Defecto f\u00e1ctico \u00a0 por falta de motivaci\u00f3n \u00a0 \u00a0 La estipulaci\u00f3n de la falta de \u00a0 motivaci\u00f3n como causal de procedencia de la tutela contra sentencias propende \u00a0 por la salvaguarda del derecho de los ciudadanos a obtener respuestas razonadas \u00a0 de ...<br \/><div class=\"pt-cv-rmwrap\"><a href=\"https:\/\/www.dmsjuridica.com\/buscador_20179478954\/corteconstitucionalcronologico202454587\/t-832a-13\/\" class=\"_self pt-cv-readmore btn btn-success\" target=\"_self\">Ver Sentencia Completa...<\/a><\/div><\/div><\/div><\/div>\n<div class=\"col-md-12 col-sm-12 col-xs-12 pt-cv-content-item pt-cv-1-col\" ><div class='pt-cv-ifield'><a href=\"https:\/\/www.dmsjuridica.com\/buscador_20179478954\/corteconstitucionalcronologico202454587\/t-832-13\/\" class=\"_self pt-cv-href-thumbnail pt-cv-thumb-default\" target=\"_self\" ><\/a>\n<div class=\"pt-cv-taxoterm above_title\"><a href='https:\/\/www.dmsjuridica.com\/buscador_20179478954\/corteconstitucionalcronologico202454587\/category\/buscar-en-toda-la-corte\/2013\/tutelas-2013\/' title='Tutelas 2013' class='pt-cv-tax-tutelas-2013'>Tutelas 2013<\/a><\/div>\n<h4 class=\"pt-cv-title\"><a href=\"https:\/\/www.dmsjuridica.com\/buscador_20179478954\/corteconstitucionalcronologico202454587\/t-832-13\/\" class=\"_self\" target=\"_self\" >T-832-13<\/a><\/h4>\n<div class=\"pt-cv-content\">\u00a0 \u00a0 \u00a0 \u00a0 \u00a0 \u00a0T-832-13 \u00a0 \u00a0 \u00a0 \u00a0 \u00a0 \u00a0\u00a0 Sentencia T-832\/13 \u00a0 \u00a0 ACCION DE TUTELA CONTRA PROVIDENCIAS \u00a0 JUDICIALES-Requisitos \u00a0 generales y especiales de procedibilidad \u00a0 \u00a0 CARACTERIZACION DEL DEFECTO MATERIAL O \u00a0 SUSTANTIVO COMO CAUSAL DE PROCEDIBILIDAD DE LA ACCION DE TUTELA CONTRA \u00a0 PROVIDENCIAS JUDICIALES-Reiteraci\u00f3n \u00a0 de jurisprudencia \u00a0 \u00a0 DEFECTO SUSTANTIVO POR INTERPRETACION \u00a0 ERRONEA O IRRAZONABLE DE LA NORMA-Hip\u00f3tesis en las cuales puede incurrir la autoridad judicial \u00a0 \u00a0 Esta Corte ha se\u00f1alado que una autoridad judicial puede incurrir en \u00a0 defecto sustantivo por interpretaci\u00f3n irrazonable, en al menos dos hip\u00f3tesis: \u00a0 ...<br \/><div class=\"pt-cv-rmwrap\"><a href=\"https:\/\/www.dmsjuridica.com\/buscador_20179478954\/corteconstitucionalcronologico202454587\/t-832-13\/\" class=\"_self pt-cv-readmore btn btn-success\" target=\"_self\">Ver Sentencia Completa...<\/a><\/div><\/div><\/div><\/div>\n<div class=\"col-md-12 col-sm-12 col-xs-12 pt-cv-content-item pt-cv-1-col\" ><div class='pt-cv-ifield'><a href=\"https:\/\/www.dmsjuridica.com\/buscador_20179478954\/corteconstitucionalcronologico202454587\/t-831a-13\/\" class=\"_self pt-cv-href-thumbnail pt-cv-thumb-default\" target=\"_self\" ><\/a>\n<div class=\"pt-cv-taxoterm above_title\"><a href='https:\/\/www.dmsjuridica.com\/buscador_20179478954\/corteconstitucionalcronologico202454587\/category\/buscar-en-toda-la-corte\/2013\/tutelas-2013\/' title='Tutelas 2013' class='pt-cv-tax-tutelas-2013'>Tutelas 2013<\/a><\/div>\n<h4 class=\"pt-cv-title\"><a href=\"https:\/\/www.dmsjuridica.com\/buscador_20179478954\/corteconstitucionalcronologico202454587\/t-831a-13\/\" class=\"_self\" target=\"_self\" >T-831A-13<\/a><\/h4>\n<div class=\"pt-cv-content\">\u00a0 \u00a0 \u00a0 \u00a0 \u00a0 \u00a0T-831A-13 \u00a0 \u00a0 \u00a0 \u00a0 \u00a0 \u00a0\u00a0 Sentencia T-831A\/13 \u00a0 \u00a0 DERECHO FUNDAMENTAL DE PETICION-Contenido y alcance \u00a0 \u00a0 La jurisprudencia constitucional ha se\u00f1alado en \u00a0 este mismo sentido que la respuesta a los derechos de petici\u00f3n, la cual puede \u00a0 ser favorable o no para el peticionario, (i) debe ser reconocido como un derecho \u00a0 fundamental que se encuentra en conexidad con la garant\u00eda de otros derechos \u00a0 fundamentales; (ii) debe ser resuelto en forma oportuna, esto es, dentro del \u00a0 t\u00e9rmino legal que se tiene para resolver; (iii) debe d\u00e1rsele una respuesta de ...<br \/><div class=\"pt-cv-rmwrap\"><a href=\"https:\/\/www.dmsjuridica.com\/buscador_20179478954\/corteconstitucionalcronologico202454587\/t-831a-13\/\" class=\"_self pt-cv-readmore btn btn-success\" target=\"_self\">Ver Sentencia Completa...<\/a><\/div><\/div><\/div><\/div>\n<div class=\"col-md-12 col-sm-12 col-xs-12 pt-cv-content-item pt-cv-1-col\" ><div class='pt-cv-ifield'><a href=\"https:\/\/www.dmsjuridica.com\/buscador_20179478954\/corteconstitucionalcronologico202454587\/t-823-13\/\" class=\"_self pt-cv-href-thumbnail pt-cv-thumb-default\" target=\"_self\" ><\/a>\n<div class=\"pt-cv-taxoterm above_title\"><a href='https:\/\/www.dmsjuridica.com\/buscador_20179478954\/corteconstitucionalcronologico202454587\/category\/buscar-en-toda-la-corte\/2013\/tutelas-2013\/' title='Tutelas 2013' class='pt-cv-tax-tutelas-2013'>Tutelas 2013<\/a><\/div>\n<h4 class=\"pt-cv-title\"><a href=\"https:\/\/www.dmsjuridica.com\/buscador_20179478954\/corteconstitucionalcronologico202454587\/t-823-13\/\" class=\"_self\" target=\"_self\" >T-823-13<\/a><\/h4>\n<div class=\"pt-cv-content\">\u00a0 \u00a0 \u00a0 \u00a0 \u00a0 \u00a0T-823-13 \u00a0 \u00a0 \u00a0 \u00a0 \u00a0 \u00a0\u00a0 \u00a0\u00a0\u00a0\u00a0\u00a0\u00a0\u00a0\u00a0\u00a0\u00a0\u00a0\u00a0\u00a0\u00a0\u00a0\u00a0\u00a0\u00a0\u00a0\u00a0\u00a0\u00a0\u00a0\u00a0\u00a0\u00a0\u00a0\u00a0\u00a0\u00a0\u00a0\u00a0\u00a0\u00a0\u00a0\u00a0\u00a0\u00a0\u00a0\u00a0\u00a0\u00a0 \u00a0 Sentencia T-823\/13 \u00a0 \u00a0 (Bogot\u00e1, D.C., Noviembre 12) \u00a0 \u00a0 PRINCIPIO DE INMEDIATEZ COMO REQUISITO DE \u00a0 PROCEDIBILIDAD DE LA ACCION DE TUTELA CONTRA PROVIDENCIAS JUDICIALES-Subreglas para determinar el cumplimiento a \u00a0 pesar de que no exista un t\u00e9rmino de caducidad de la acci\u00f3n de tutela \u00a0 \u00a0 ACCION DE TUTELA CONTRA PROVIDENCIAS \u00a0 JUDICIALES-Improcedencia por \u00a0 incumplir requisito de inmediatez al presentar la acci\u00f3n en un tiempo prolongado \u00a0 sin justificaci\u00f3n alguna en proceso de expropiaci\u00f3n \u00a0 \u00a0 Se evidencia que en los casos bajo ...<br \/><div class=\"pt-cv-rmwrap\"><a href=\"https:\/\/www.dmsjuridica.com\/buscador_20179478954\/corteconstitucionalcronologico202454587\/t-823-13\/\" class=\"_self pt-cv-readmore btn btn-success\" target=\"_self\">Ver Sentencia Completa...<\/a><\/div><\/div><\/div><\/div>\n<div class=\"col-md-12 col-sm-12 col-xs-12 pt-cv-content-item pt-cv-1-col\" ><div class='pt-cv-ifield'><a href=\"https:\/\/www.dmsjuridica.com\/buscador_20179478954\/corteconstitucionalcronologico202454587\/t-822-13\/\" class=\"_self pt-cv-href-thumbnail pt-cv-thumb-default\" target=\"_self\" ><\/a>\n<div class=\"pt-cv-taxoterm above_title\"><a href='https:\/\/www.dmsjuridica.com\/buscador_20179478954\/corteconstitucionalcronologico202454587\/category\/buscar-en-toda-la-corte\/2013\/tutelas-2013\/' title='Tutelas 2013' class='pt-cv-tax-tutelas-2013'>Tutelas 2013<\/a><\/div>\n<h4 class=\"pt-cv-title\"><a href=\"https:\/\/www.dmsjuridica.com\/buscador_20179478954\/corteconstitucionalcronologico202454587\/t-822-13\/\" class=\"_self\" target=\"_self\" >T-822-13<\/a><\/h4>\n<div class=\"pt-cv-content\">\u00a0 \u00a0 \u00a0 \u00a0 \u00a0 \u00a0T-822-13 \u00a0 \u00a0 \u00a0 \u00a0 \u00a0 \u00a0\u00a0 Sentencia T-822\/13 \u00a0 \u00a0 (Bogot\u00e1, \u00a0 D.C., Noviembre 12) \u00a0 \u00a0 ACCION DE \u00a0 TUTELA CONTRA PROVIDENCIAS JUDICIALES-Requisitos \u00a0 generales y especiales de procedibilidad \u00a0 \u00a0 ACCION DE \u00a0 TUTELA CONTRA PROVIDENCIAS JUDICIALES-Improcedencia \u00a0 por incumplir requisito de inmediatez al presentar la acci\u00f3n en un tiempo \u00a0 prolongado sin justificaci\u00f3n alguna en proceso de pertenencia \u00a0 \u00a0 ACCION DE \u00a0 TUTELA CONTRA PROVIDENCIAS JUDICIALES-Improcedencia \u00a0 por existir otro medio de defensa judicial en proceso de pertenencia \u00a0 \u00a0 \u00a0 \u00a0 \u00a0 \u00a0\u00a0 Referencia: Expediente T-3.963.018 \u00a0 \u00a0 Fallos ...<br \/><div class=\"pt-cv-rmwrap\"><a href=\"https:\/\/www.dmsjuridica.com\/buscador_20179478954\/corteconstitucionalcronologico202454587\/t-822-13\/\" class=\"_self pt-cv-readmore btn btn-success\" target=\"_self\">Ver Sentencia Completa...<\/a><\/div><\/div><\/div><\/div>\n<div class=\"col-md-12 col-sm-12 col-xs-12 pt-cv-content-item pt-cv-1-col\" ><div class='pt-cv-ifield'><a href=\"https:\/\/www.dmsjuridica.com\/buscador_20179478954\/corteconstitucionalcronologico202454587\/t-821-13\/\" class=\"_self pt-cv-href-thumbnail pt-cv-thumb-default\" target=\"_self\" ><\/a>\n<div class=\"pt-cv-taxoterm above_title\"><a href='https:\/\/www.dmsjuridica.com\/buscador_20179478954\/corteconstitucionalcronologico202454587\/category\/buscar-en-toda-la-corte\/2013\/tutelas-2013\/' title='Tutelas 2013' class='pt-cv-tax-tutelas-2013'>Tutelas 2013<\/a><\/div>\n<h4 class=\"pt-cv-title\"><a href=\"https:\/\/www.dmsjuridica.com\/buscador_20179478954\/corteconstitucionalcronologico202454587\/t-821-13\/\" class=\"_self\" target=\"_self\" >T-821-13<\/a><\/h4>\n<div class=\"pt-cv-content\">\u00a0 \u00a0 \u00a0 \u00a0 \u00a0 \u00a0T-821-13 \u00a0 \u00a0 \u00a0 \u00a0 \u00a0 \u00a0\u00a0 Sentencia T-821\/13 \u00a0 \u00a0 \u00a0(Bogot\u00e1, D.C, \u00a0 Noviembre 12) \u00a0 \u00a0 ACCION DE TUTELA CONTRA \u00a0 PROVIDENCIAS JUDICIALES-Requisitos generales y especiales de procedibilidad \u00a0 \u00a0 ACCION DE TUTELA CONTRA \u00a0 PROVIDENCIAS JUDICIALES-Relevancia constitucional del requisito general de \u00a0 subsidiariedad para su procedencia excepcional \u00a0 \u00a0 ACCION DE TUTELA CONTRA \u00a0 PROVIDENCIAS JUDICIALES-Improcedencia por cuanto se encuentra en curso \u00a0 recurso extraordinario de casaci\u00f3n en proceso civil ordinario de mayor cuant\u00eda \u00a0 \u00a0 Referencia: expediente \u00a0\u00a0 \u00a0 \u00a0 \u00a0 \u00a0T-3.968.641. \u00a0 \u00a0 Fallos de tutela objeto de \u00a0\u00a0 \u00a0 ...<br \/><div class=\"pt-cv-rmwrap\"><a href=\"https:\/\/www.dmsjuridica.com\/buscador_20179478954\/corteconstitucionalcronologico202454587\/t-821-13\/\" class=\"_self pt-cv-readmore btn btn-success\" target=\"_self\">Ver Sentencia Completa...<\/a><\/div><\/div><\/div><\/div>\n<div class=\"col-md-12 col-sm-12 col-xs-12 pt-cv-content-item pt-cv-1-col\" ><div class='pt-cv-ifield'><a href=\"https:\/\/www.dmsjuridica.com\/buscador_20179478954\/corteconstitucionalcronologico202454587\/t-820-13\/\" class=\"_self pt-cv-href-thumbnail pt-cv-thumb-default\" target=\"_self\" ><\/a>\n<div class=\"pt-cv-taxoterm above_title\"><a href='https:\/\/www.dmsjuridica.com\/buscador_20179478954\/corteconstitucionalcronologico202454587\/category\/buscar-en-toda-la-corte\/2013\/tutelas-2013\/' title='Tutelas 2013' class='pt-cv-tax-tutelas-2013'>Tutelas 2013<\/a><\/div>\n<h4 class=\"pt-cv-title\"><a href=\"https:\/\/www.dmsjuridica.com\/buscador_20179478954\/corteconstitucionalcronologico202454587\/t-820-13\/\" class=\"_self\" target=\"_self\" >T-820-13<\/a><\/h4>\n<div class=\"pt-cv-content\">\u00a0 \u00a0 \u00a0 \u00a0 \u00a0 \u00a0T-820-13 \u00a0 \u00a0 \u00a0 \u00a0 \u00a0 \u00a0\u00a0 \u00a0\u00a0\u00a0\u00a0\u00a0\u00a0\u00a0\u00a0\u00a0\u00a0\u00a0\u00a0 \u00a0\u00a0\u00a0\u00a0\u00a0\u00a0\u00a0\u00a0\u00a0\u00a0\u00a0\u00a0\u00a0\u00a0\u00a0\u00a0\u00a0\u00a0\u00a0\u00a0\u00a0\u00a0\u00a0\u00a0\u00a0\u00a0\u00a0\u00a0\u00a0 \u00a0 Sentencia T-820\/13 \u00a0 \u00a0 (Bogot\u00e1, D.C., noviembre 12) \u00a0 \u00a0 PRINCIPIO DE CONFIANZA LEGITIMA EN MATERIA DE ESPACIO \u00a0 PUBLICO-Reiteraci\u00f3n de jurisprudencia \u00a0 \u00a0 PRINCIPIO DE CONFIANZA LEGITIMA-Presupuestos que deben acreditarse \u00a0 \u00a0 Para que pueda darse aplicaci\u00f3n al principio de confianza leg\u00edtima, es necesario \u00a0 que se consoliden los siguientes presupuestos: i) la necesidad de preservar de \u00a0 manera perentoria el inter\u00e9s p\u00fablico; ii) la demostraci\u00f3n de que el particular \u00a0 ha desplegado su conducta de conformidad con el principio de la buena fe; ...<br \/><div class=\"pt-cv-rmwrap\"><a href=\"https:\/\/www.dmsjuridica.com\/buscador_20179478954\/corteconstitucionalcronologico202454587\/t-820-13\/\" class=\"_self pt-cv-readmore btn btn-success\" target=\"_self\">Ver Sentencia Completa...<\/a><\/div><\/div><\/div><\/div>\n<div class=\"col-md-12 col-sm-12 col-xs-12 pt-cv-content-item pt-cv-1-col\" ><div class='pt-cv-ifield'><a href=\"https:\/\/www.dmsjuridica.com\/buscador_20179478954\/corteconstitucionalcronologico202454587\/t-819-13\/\" class=\"_self pt-cv-href-thumbnail pt-cv-thumb-default\" target=\"_self\" ><\/a>\n<div class=\"pt-cv-taxoterm above_title\"><a href='https:\/\/www.dmsjuridica.com\/buscador_20179478954\/corteconstitucionalcronologico202454587\/category\/buscar-en-toda-la-corte\/2013\/tutelas-2013\/' title='Tutelas 2013' class='pt-cv-tax-tutelas-2013'>Tutelas 2013<\/a><\/div>\n<h4 class=\"pt-cv-title\"><a href=\"https:\/\/www.dmsjuridica.com\/buscador_20179478954\/corteconstitucionalcronologico202454587\/t-819-13\/\" class=\"_self\" target=\"_self\" >T-819-13<\/a><\/h4>\n<div class=\"pt-cv-content\">\u00a0 \u00a0 \u00a0 \u00a0 \u00a0 \u00a0T-819-13 \u00a0 \u00a0 \u00a0 \u00a0 \u00a0 \u00a0\u00a0 Sentencia T-819\/13 \u00a0 \u00a0 (Bogot\u00e1, D.C., \u00a0 noviembre 12) \u00a0 \u00a0 PENSION DE \u00a0 INVALIDEZ-Par\u00e1grafo 1\u00b0 del art\u00edculo 1 de la ley 860 \u00a0 de 2003 que incluye a los j\u00f3venes, exige haber cotizado 26 semanas \u00a0 \u00a0 PENSION DE \u00a0 INVALIDEZ PARA POBLACION JOVEN-Inaplicaci\u00f3n del \u00a0 par\u00e1grafo 1 del art\u00edculo 1 de la ley 860 de 2003 \u00a0 \u00a0 El art\u00edculo 1\u00b0 de la Ley 860 de 2003, que \u00a0 modific\u00f3 el art\u00edculo 39 de la Ley 100 de 1993, dispone que la persona que sea \u00a0 ...<br \/><div class=\"pt-cv-rmwrap\"><a href=\"https:\/\/www.dmsjuridica.com\/buscador_20179478954\/corteconstitucionalcronologico202454587\/t-819-13\/\" class=\"_self pt-cv-readmore btn btn-success\" target=\"_self\">Ver Sentencia Completa...<\/a><\/div><\/div><\/div><\/div>\n<div class=\"col-md-12 col-sm-12 col-xs-12 pt-cv-content-item pt-cv-1-col\" ><div class='pt-cv-ifield'><a href=\"https:\/\/www.dmsjuridica.com\/buscador_20179478954\/corteconstitucionalcronologico202454587\/t-818-13\/\" class=\"_self pt-cv-href-thumbnail pt-cv-thumb-default\" target=\"_self\" ><\/a>\n<div class=\"pt-cv-taxoterm above_title\"><a href='https:\/\/www.dmsjuridica.com\/buscador_20179478954\/corteconstitucionalcronologico202454587\/category\/buscar-en-toda-la-corte\/2013\/tutelas-2013\/' title='Tutelas 2013' class='pt-cv-tax-tutelas-2013'>Tutelas 2013<\/a><\/div>\n<h4 class=\"pt-cv-title\"><a href=\"https:\/\/www.dmsjuridica.com\/buscador_20179478954\/corteconstitucionalcronologico202454587\/t-818-13\/\" class=\"_self\" target=\"_self\" >T-818-13<\/a><\/h4>\n<div class=\"pt-cv-content\">\u00a0 \u00a0 \u00a0 \u00a0 \u00a0 \u00a0T-818-13 \u00a0 \u00a0 \u00a0 \u00a0 \u00a0 \u00a0\u00a0 Sentencia T-818\/13 \u00a0 \u00a0\u00a0 ACCION DE TUTELA CONTRA PROVIDENCIAS JUDICIALES-Requisitos generales y especiales de procedibilidad \u00a0 \u00a0 DEBIDO PROCESO ADMINISTRATIVO DE RESTABLECIMIENTO DE DERECHOS DE LOS \u00a0 NI\u00d1OS, NI\u00d1AS Y ADOLESCENTES-En todos los procesos de \u00a0 familia y protecci\u00f3n de menores, la regla general es la notificaci\u00f3n personal \u00a0 \u00a0 ACCION DE TUTELA CONTRA PROVIDENCIAS JUDICIALES-Procedencia por defecto procedimental absoluto, por cuanto juez actu\u00f3 \u00a0 al margen del procedimiento, al omitir la notificaci\u00f3n personal en proceso de \u00a0 p\u00e9rdida de patria potestad \u00a0 \u00a0 La Sala \u00a0 considera ...<br \/><div class=\"pt-cv-rmwrap\"><a href=\"https:\/\/www.dmsjuridica.com\/buscador_20179478954\/corteconstitucionalcronologico202454587\/t-818-13\/\" class=\"_self pt-cv-readmore btn btn-success\" target=\"_self\">Ver Sentencia Completa...<\/a><\/div><\/div><\/div><\/div>\n<div class=\"col-md-12 col-sm-12 col-xs-12 pt-cv-content-item pt-cv-1-col\" ><div class='pt-cv-ifield'><a href=\"https:\/\/www.dmsjuridica.com\/buscador_20179478954\/corteconstitucionalcronologico202454587\/t-817-13\/\" class=\"_self pt-cv-href-thumbnail pt-cv-thumb-default\" target=\"_self\" ><\/a>\n<div class=\"pt-cv-taxoterm above_title\"><a href='https:\/\/www.dmsjuridica.com\/buscador_20179478954\/corteconstitucionalcronologico202454587\/category\/buscar-en-toda-la-corte\/2013\/tutelas-2013\/' title='Tutelas 2013' class='pt-cv-tax-tutelas-2013'>Tutelas 2013<\/a><\/div>\n<h4 class=\"pt-cv-title\"><a href=\"https:\/\/www.dmsjuridica.com\/buscador_20179478954\/corteconstitucionalcronologico202454587\/t-817-13\/\" class=\"_self\" target=\"_self\" >T-817-13<\/a><\/h4>\n<div class=\"pt-cv-content\">\u00a0 \u00a0 \u00a0 \u00a0 \u00a0 \u00a0T-817-13 \u00a0 \u00a0 \u00a0 \u00a0 \u00a0 \u00a0\u00a0 Sentencia T-817\/13 \u00a0 \u00a0 (Bogot\u00e1, D.C., 12 \u00a0 de noviembre) \u00a0 \u00a0 DERECHO DE PETICION ANTE \u00a0 EMPRESA DE SERVICIOS PUBLICOS DOMICILIARIOS-Respuesta de fondo, oportuna y \u00a0 clara \u00a0 \u00a0 Si bien es cierto que el precedente constitucional no es \u00a0 de obligatorio cumplimiento para un particular, en el caso de aquellas personas \u00a0 que prestan un servicio p\u00fablico -en este caso el servicio p\u00fablico de la \u00a0 seguridad social en pensiones-, se equipara su responsabilidad con la de la \u00a0 administraci\u00f3n en raz\u00f3n de la funci\u00f3n p\u00fablica ...<br \/><div class=\"pt-cv-rmwrap\"><a href=\"https:\/\/www.dmsjuridica.com\/buscador_20179478954\/corteconstitucionalcronologico202454587\/t-817-13\/\" class=\"_self pt-cv-readmore btn btn-success\" target=\"_self\">Ver Sentencia Completa...<\/a><\/div><\/div><\/div><\/div>\n<div class=\"col-md-12 col-sm-12 col-xs-12 pt-cv-content-item pt-cv-1-col\" ><div class='pt-cv-ifield'><a href=\"https:\/\/www.dmsjuridica.com\/buscador_20179478954\/corteconstitucionalcronologico202454587\/t-816-13\/\" class=\"_self pt-cv-href-thumbnail pt-cv-thumb-default\" target=\"_self\" ><\/a>\n<div class=\"pt-cv-taxoterm above_title\"><a href='https:\/\/www.dmsjuridica.com\/buscador_20179478954\/corteconstitucionalcronologico202454587\/category\/buscar-en-toda-la-corte\/2013\/tutelas-2013\/' title='Tutelas 2013' class='pt-cv-tax-tutelas-2013'>Tutelas 2013<\/a><\/div>\n<h4 class=\"pt-cv-title\"><a href=\"https:\/\/www.dmsjuridica.com\/buscador_20179478954\/corteconstitucionalcronologico202454587\/t-816-13\/\" class=\"_self\" target=\"_self\" >T-816-13<\/a><\/h4>\n<div class=\"pt-cv-content\">\u00a0 \u00a0 \u00a0 \u00a0 \u00a0 \u00a0T-816-13 \u00a0 \u00a0 \u00a0 \u00a0 \u00a0 \u00a0\u00a0 \u00a0\u00a0\u00a0\u00a0\u00a0\u00a0\u00a0\u00a0\u00a0\u00a0\u00a0\u00a0\u00a0\u00a0\u00a0\u00a0\u00a0\u00a0\u00a0\u00a0\u00a0\u00a0\u00a0\u00a0\u00a0\u00a0\u00a0\u00a0\u00a0\u00a0\u00a0\u00a0\u00a0\u00a0\u00a0\u00a0\u00a0\u00a0\u00a0\u00a0\u00a0\u00a0 \u00a0 Sentencia T-816\/13 \u00a0 \u00a0 (Bogot\u00e1, D.C., Noviembre 12) \u00a0 \u00a0 ACCION DE TUTELA CONTRA PROVIDENCIAS JUDICIALES-Requisitos generales y especiales de procedibilidad \u00a0 \u00a0 ACCION DE TUTELA CONTRA PROVIDENCIAS JUDICIALES-Relevancia constitucional del requisito general de \u00a0 subsidiariedad para su procedencia excepcional \u00a0 \u00a0 Esta Corporaci\u00f3n ha sostenido que la acci\u00f3n de tutela est\u00e1 sometida al principio \u00a0 de subsidiariedad. De conformidad con esta regla de procedibilidad, se entiende \u00a0 que en el evento en que para el caso concreto existan otros mecanismos \u00a0 ordinarios y extraordinarios de ...<br \/><div class=\"pt-cv-rmwrap\"><a href=\"https:\/\/www.dmsjuridica.com\/buscador_20179478954\/corteconstitucionalcronologico202454587\/t-816-13\/\" class=\"_self pt-cv-readmore btn btn-success\" target=\"_self\">Ver Sentencia Completa...<\/a><\/div><\/div><\/div><\/div>\n<div class=\"col-md-12 col-sm-12 col-xs-12 pt-cv-content-item pt-cv-1-col\" ><div class='pt-cv-ifield'><a href=\"https:\/\/www.dmsjuridica.com\/buscador_20179478954\/corteconstitucionalcronologico202454587\/t-815-13\/\" class=\"_self pt-cv-href-thumbnail pt-cv-thumb-default\" target=\"_self\" ><\/a>\n<div class=\"pt-cv-taxoterm above_title\"><a href='https:\/\/www.dmsjuridica.com\/buscador_20179478954\/corteconstitucionalcronologico202454587\/category\/buscar-en-toda-la-corte\/2013\/tutelas-2013\/' title='Tutelas 2013' class='pt-cv-tax-tutelas-2013'>Tutelas 2013<\/a><\/div>\n<h4 class=\"pt-cv-title\"><a href=\"https:\/\/www.dmsjuridica.com\/buscador_20179478954\/corteconstitucionalcronologico202454587\/t-815-13\/\" class=\"_self\" target=\"_self\" >T-815-13<\/a><\/h4>\n<div class=\"pt-cv-content\">\u00a0 \u00a0 \u00a0 \u00a0 \u00a0 \u00a0T-815-13 \u00a0 \u00a0 \u00a0 \u00a0 \u00a0 \u00a0\u00a0 Sentencia T-815\/13 \u00a0 \u00a0 DERECHOS \u00a0 FUNDAMENTALES DE PERSONAS PRIVADAS DE LA LIBERTAD-Clasificaci\u00f3n \u00a0en tres grupos: derechos suspendidos, derechos intocables y derechos \u00a0 restringidos o limitados \u00a0 \u00a0 La jurisprudencia constitucional ha mantenido una l\u00ednea \u00a0 jurisprudencial que clasifica los derechos fundamentales de los internos en tres \u00a0 grupos: \u201c(i) aquellos derechos suspendidos como consecuencia l\u00f3gica y directa de \u00a0 la pena impuesta, lo cual se justifica constitucional y legalmente por los fines \u00a0 de la sanci\u00f3n penal. Dentro de este grupo encontramos derechos como la libre \u00a0 ...<br \/><div class=\"pt-cv-rmwrap\"><a href=\"https:\/\/www.dmsjuridica.com\/buscador_20179478954\/corteconstitucionalcronologico202454587\/t-815-13\/\" class=\"_self pt-cv-readmore btn btn-success\" target=\"_self\">Ver Sentencia Completa...<\/a><\/div><\/div><\/div><\/div>\n<div class=\"col-md-12 col-sm-12 col-xs-12 pt-cv-content-item pt-cv-1-col\" ><div class='pt-cv-ifield'><a href=\"https:\/\/www.dmsjuridica.com\/buscador_20179478954\/corteconstitucionalcronologico202454587\/t-814-13\/\" class=\"_self pt-cv-href-thumbnail pt-cv-thumb-default\" target=\"_self\" ><\/a>\n<div class=\"pt-cv-taxoterm above_title\"><a href='https:\/\/www.dmsjuridica.com\/buscador_20179478954\/corteconstitucionalcronologico202454587\/category\/buscar-en-toda-la-corte\/2013\/tutelas-2013\/' title='Tutelas 2013' class='pt-cv-tax-tutelas-2013'>Tutelas 2013<\/a><\/div>\n<h4 class=\"pt-cv-title\"><a href=\"https:\/\/www.dmsjuridica.com\/buscador_20179478954\/corteconstitucionalcronologico202454587\/t-814-13\/\" class=\"_self\" target=\"_self\" >T-814-13<\/a><\/h4>\n<div class=\"pt-cv-content\">\u00a0 \u00a0 \u00a0 \u00a0 \u00a0 \u00a0T-814-13 \u00a0 \u00a0 \u00a0 \u00a0 \u00a0 \u00a0\u00a0 NOTA DE RELATORIA: Mediante \u00a0 auto 030 de fecha 11 de febrero de 2014, el cual se anexa en la parte final, se \u00a0 corrige\u00a0 en todo el cuerpo de esta sentencia el error mecanogr\u00e1fico en que \u00a0 se incurri\u00f3 respecto al nombre de la demandante. \u00a0 \u00a0 Sentencia T-814\/13 \u00a0 \u00a0 DERECHO FUNDAMENTAL A LA SEGURIDAD SOCIAL Y PROTECCION \u00a0 POR MEDIO DE ACCION DE TUTELA-Reiteraci\u00f3n \u00a0 de jurisprudencia \u00a0 \u00a0 El derecho \u00a0 a la seguridad social es un derecho fundamental irrenunciable,\u00a0 que se hace \u00a0 ...<br \/><div class=\"pt-cv-rmwrap\"><a href=\"https:\/\/www.dmsjuridica.com\/buscador_20179478954\/corteconstitucionalcronologico202454587\/t-814-13\/\" class=\"_self pt-cv-readmore btn btn-success\" target=\"_self\">Ver Sentencia Completa...<\/a><\/div><\/div><\/div><\/div>\n<div class=\"col-md-12 col-sm-12 col-xs-12 pt-cv-content-item pt-cv-1-col\" ><div class='pt-cv-ifield'><a href=\"https:\/\/www.dmsjuridica.com\/buscador_20179478954\/corteconstitucionalcronologico202454587\/t-813-13\/\" class=\"_self pt-cv-href-thumbnail pt-cv-thumb-default\" target=\"_self\" ><\/a>\n<div class=\"pt-cv-taxoterm above_title\"><a href='https:\/\/www.dmsjuridica.com\/buscador_20179478954\/corteconstitucionalcronologico202454587\/category\/buscar-en-toda-la-corte\/2013\/tutelas-2013\/' title='Tutelas 2013' class='pt-cv-tax-tutelas-2013'>Tutelas 2013<\/a><\/div>\n<h4 class=\"pt-cv-title\"><a href=\"https:\/\/www.dmsjuridica.com\/buscador_20179478954\/corteconstitucionalcronologico202454587\/t-813-13\/\" class=\"_self\" target=\"_self\" >T-813-13<\/a><\/h4>\n<div class=\"pt-cv-content\">\u00a0 \u00a0 \u00a0 \u00a0 \u00a0 \u00a0T-813-13 \u00a0 \u00a0 \u00a0 \u00a0 \u00a0 \u00a0\u00a0 Sentencia T-813\/13 \u00a0 \u00a0 ACCION DE TUTELA PARA RECONOCIMIENTO DE PENSION DE SOBREVIVIENTES-Procedencia excepcional cuando afecta derechos fundamentales \u00a0 \u00a0 ACCION DE TUTELA PARA RECLAMAR PRESTACIONES ECONOMICAS PENSIONALES-Requisitos de procedencia \u00a0 \u00a0 La acci\u00f3n de tutela, en principio, es improcedente para \u00a0 lograr el reconocimiento y pago de pensiones, salvo que se presente alguna de \u00a0 las siguientes condiciones: i) que la negativa al reconocimiento de la pensi\u00f3n \u00a0 se origine en actos que, en raz\u00f3n a su contradicci\u00f3n con preceptos superiores, \u00a0 puedan\u00a0desvirtuar la presunci\u00f3n de legalidad; ...<br \/><div class=\"pt-cv-rmwrap\"><a href=\"https:\/\/www.dmsjuridica.com\/buscador_20179478954\/corteconstitucionalcronologico202454587\/t-813-13\/\" class=\"_self pt-cv-readmore btn btn-success\" target=\"_self\">Ver Sentencia Completa...<\/a><\/div><\/div><\/div><\/div>\n<div class=\"col-md-12 col-sm-12 col-xs-12 pt-cv-content-item pt-cv-1-col\" ><div class='pt-cv-ifield'><a href=\"https:\/\/www.dmsjuridica.com\/buscador_20179478954\/corteconstitucionalcronologico202454587\/t-812-13\/\" class=\"_self pt-cv-href-thumbnail pt-cv-thumb-default\" target=\"_self\" ><\/a>\n<div class=\"pt-cv-taxoterm above_title\"><a href='https:\/\/www.dmsjuridica.com\/buscador_20179478954\/corteconstitucionalcronologico202454587\/category\/buscar-en-toda-la-corte\/2013\/tutelas-2013\/' title='Tutelas 2013' class='pt-cv-tax-tutelas-2013'>Tutelas 2013<\/a><\/div>\n<h4 class=\"pt-cv-title\"><a href=\"https:\/\/www.dmsjuridica.com\/buscador_20179478954\/corteconstitucionalcronologico202454587\/t-812-13\/\" class=\"_self\" target=\"_self\" >T-812-13<\/a><\/h4>\n<div class=\"pt-cv-content\">\u00a0 \u00a0 \u00a0 \u00a0 \u00a0 \u00a0T-812-13 \u00a0 \u00a0 \u00a0 \u00a0 \u00a0 \u00a0\u00a0 Sentencia T-812\/13 \u00a0 \u00a0 ACCION DE TUTELA CONTRA PROVIDENCIAS JUDICIALES-Requisitos generales y especiales de procedibilidad \u00a0 \u00a0 ACCION DE TUTELA CONTRA PROVIDENCIAS JUDICIALES-Improcedencia por cuanto Consejo de Estado no \u00a0 desconoci\u00f3 precedente respecto del resarcimiento de perjuicios derivados de \u00a0 actos y actuaciones administrativas \u00a0 \u00a0 Referencia: expediente \u00a0 T-3.969.247 \u00a0 \u00a0 Acci\u00f3n de tutela presentada por el \u00a0 ciudadano V\u00edctor Perlman Milstein en contra de la Secci\u00f3n Tercera, Subsecci\u00f3n \u00a0 \u201cC\u201d, de la Sala de lo Contencioso Administrativo del Consejo de Estado. \u00a0 \u00a0 \u00a0\u00a0 \u00a0 \u00a0 ...<br \/><div class=\"pt-cv-rmwrap\"><a href=\"https:\/\/www.dmsjuridica.com\/buscador_20179478954\/corteconstitucionalcronologico202454587\/t-812-13\/\" class=\"_self pt-cv-readmore btn btn-success\" target=\"_self\">Ver Sentencia Completa...<\/a><\/div><\/div><\/div><\/div>\n<div class=\"col-md-12 col-sm-12 col-xs-12 pt-cv-content-item pt-cv-1-col\" ><div class='pt-cv-ifield'><a href=\"https:\/\/www.dmsjuridica.com\/buscador_20179478954\/corteconstitucionalcronologico202454587\/t-811-13\/\" class=\"_self pt-cv-href-thumbnail pt-cv-thumb-default\" target=\"_self\" ><\/a>\n<div class=\"pt-cv-taxoterm above_title\"><a href='https:\/\/www.dmsjuridica.com\/buscador_20179478954\/corteconstitucionalcronologico202454587\/category\/buscar-en-toda-la-corte\/2013\/tutelas-2013\/' title='Tutelas 2013' class='pt-cv-tax-tutelas-2013'>Tutelas 2013<\/a><\/div>\n<h4 class=\"pt-cv-title\"><a href=\"https:\/\/www.dmsjuridica.com\/buscador_20179478954\/corteconstitucionalcronologico202454587\/t-811-13\/\" class=\"_self\" target=\"_self\" >T-811-13<\/a><\/h4>\n<div class=\"pt-cv-content\">\u00a0 \u00a0 \u00a0 \u00a0 \u00a0 \u00a0T-811-13 \u00a0 \u00a0 \u00a0 \u00a0 \u00a0 \u00a0\u00a0 Sentencia T-811\/13 \u00a0 \u00a0 ACCION DE TUTELA DE PERSONAS AFECTADAS POR \u00a0 DESASTRES NATURALES-Inaplicaci\u00f3n \u00a0 del requisito de inmediatez por cuanto no ha cesado el impacto generado por ola \u00a0 invernal en las condiciones de vida de damnificados \u00a0 \u00a0 PRINCIPIO DE INMEDIATEZ COMO REQUISITO DE \u00a0 PROCEDIBILIDAD DE LA ACCION DE TUTELA-Debe ponderarse bajo el criterio del plazo razonable y \u00a0 oportuno \u00a0 \u00a0 PRINCIPIO DE INMEDIATEZ-Factores que deben tenerse en cuenta para \u00a0 determinar plazo razonable \u00a0 \u00a0 Esta Corporaci\u00f3n ha \u00a0 enunciado como criterios para ...<br \/><div class=\"pt-cv-rmwrap\"><a href=\"https:\/\/www.dmsjuridica.com\/buscador_20179478954\/corteconstitucionalcronologico202454587\/t-811-13\/\" class=\"_self pt-cv-readmore btn btn-success\" target=\"_self\">Ver Sentencia Completa...<\/a><\/div><\/div><\/div><\/div>\n<div class=\"col-md-12 col-sm-12 col-xs-12 pt-cv-content-item pt-cv-1-col\" ><div class='pt-cv-ifield'><a href=\"https:\/\/www.dmsjuridica.com\/buscador_20179478954\/corteconstitucionalcronologico202454587\/t-810-13\/\" class=\"_self pt-cv-href-thumbnail pt-cv-thumb-default\" target=\"_self\" ><\/a>\n<div class=\"pt-cv-taxoterm above_title\"><a href='https:\/\/www.dmsjuridica.com\/buscador_20179478954\/corteconstitucionalcronologico202454587\/category\/buscar-en-toda-la-corte\/2013\/tutelas-2013\/' title='Tutelas 2013' class='pt-cv-tax-tutelas-2013'>Tutelas 2013<\/a><\/div>\n<h4 class=\"pt-cv-title\"><a href=\"https:\/\/www.dmsjuridica.com\/buscador_20179478954\/corteconstitucionalcronologico202454587\/t-810-13\/\" class=\"_self\" target=\"_self\" >T-810-13<\/a><\/h4>\n<div class=\"pt-cv-content\">\u00a0 \u00a0 \u00a0 \u00a0 \u00a0 \u00a0T-810-13 \u00a0 \u00a0 \u00a0 \u00a0 \u00a0 \u00a0\u00a0 LEGITIMACION \u00a0 POR ACTIVA EN TUTELA-Cualquier persona puede exigir el cumplimiento de los \u00a0 derechos de los ni\u00f1os \u00a0 \u00a0 LEGITIMACION \u00a0 EN LA CAUSA DEL PERSONERO PARA INTERPONER ACCION DE TUTELA-Caso en que se \u00a0 interpone en representaci\u00f3n de menores para la protecci\u00f3n del derecho a la \u00a0 educaci\u00f3n \u00a0 \u00a0 DERECHO A LA \u00a0 EDUCACION-Disponibilidad, accesibilidad, aceptabilidad y adaptabilidad \u00a0 \u00a0 La educaci\u00f3n \u00a0 concebida como servicio p\u00fablico y fundamental permite apreciar los elementos que \u00a0 la componen, esto es, i) la disponibilidad del servicio, por ...<br \/><div class=\"pt-cv-rmwrap\"><a href=\"https:\/\/www.dmsjuridica.com\/buscador_20179478954\/corteconstitucionalcronologico202454587\/t-810-13\/\" class=\"_self pt-cv-readmore btn btn-success\" target=\"_self\">Ver Sentencia Completa...<\/a><\/div><\/div><\/div><\/div>\n<div class=\"col-md-12 col-sm-12 col-xs-12 pt-cv-content-item pt-cv-1-col\" ><div class='pt-cv-ifield'><a href=\"https:\/\/www.dmsjuridica.com\/buscador_20179478954\/corteconstitucionalcronologico202454587\/t-809-13\/\" class=\"_self pt-cv-href-thumbnail pt-cv-thumb-default\" target=\"_self\" ><\/a>\n<div class=\"pt-cv-taxoterm above_title\"><a href='https:\/\/www.dmsjuridica.com\/buscador_20179478954\/corteconstitucionalcronologico202454587\/category\/buscar-en-toda-la-corte\/2013\/tutelas-2013\/' title='Tutelas 2013' class='pt-cv-tax-tutelas-2013'>Tutelas 2013<\/a><\/div>\n<h4 class=\"pt-cv-title\"><a href=\"https:\/\/www.dmsjuridica.com\/buscador_20179478954\/corteconstitucionalcronologico202454587\/t-809-13\/\" class=\"_self\" target=\"_self\" >T-809-13<\/a><\/h4>\n<div class=\"pt-cv-content\">\u00a0 \u00a0 \u00a0 \u00a0 \u00a0 \u00a0T-809-13 \u00a0 \u00a0 \u00a0 \u00a0 \u00a0 \u00a0\u00a0 Sentencia\u00a0 T-809\/13 \u00a0 \u00a0 ACCION DE TUTELA TRANSITORIA PARA EVITAR \u00a0 PERJUICIO IRREMEDIABLE-Inminencia, \u00a0 urgencia, gravedad e impostergabilidad de la tutela, deben encontrarse \u00a0 efectivamente comprobadas \u00a0 \u00a0 PERJUICIO IRREMEDIABLE FRENTE A SUJETOS DE \u00a0 ESPECIAL PROTECCION-Valoraci\u00f3n \u00a0 del juez constitucional\/SUJETOS DE ESPECIAL PROTECCION CONSTITUCIONAL-Evaluaci\u00f3n \u00a0 del perjuicio irremediable \u00a0 \u00a0 El legislador ha establecido que la acci\u00f3n de \u00a0 tutela no procede cuando el interesado, cuenta con otros medios judiciales, \u00a0 salvo que la interponga como mecanismo transitorio para evitar un perjuicio \u00a0 irremediable o cuando aquel ...<br \/><div class=\"pt-cv-rmwrap\"><a href=\"https:\/\/www.dmsjuridica.com\/buscador_20179478954\/corteconstitucionalcronologico202454587\/t-809-13\/\" class=\"_self pt-cv-readmore btn btn-success\" target=\"_self\">Ver Sentencia Completa...<\/a><\/div><\/div><\/div><\/div>\n<div class=\"col-md-12 col-sm-12 col-xs-12 pt-cv-content-item pt-cv-1-col\" ><div class='pt-cv-ifield'><a href=\"https:\/\/www.dmsjuridica.com\/buscador_20179478954\/corteconstitucionalcronologico202454587\/t-808-13\/\" class=\"_self pt-cv-href-thumbnail pt-cv-thumb-default\" target=\"_self\" ><\/a>\n<div class=\"pt-cv-taxoterm above_title\"><a href='https:\/\/www.dmsjuridica.com\/buscador_20179478954\/corteconstitucionalcronologico202454587\/category\/buscar-en-toda-la-corte\/2013\/tutelas-2013\/' title='Tutelas 2013' class='pt-cv-tax-tutelas-2013'>Tutelas 2013<\/a><\/div>\n<h4 class=\"pt-cv-title\"><a href=\"https:\/\/www.dmsjuridica.com\/buscador_20179478954\/corteconstitucionalcronologico202454587\/t-808-13\/\" class=\"_self\" target=\"_self\" >T-808-13<\/a><\/h4>\n<div class=\"pt-cv-content\">\u00a0 \u00a0 \u00a0 \u00a0 \u00a0 \u00a0T-808-13 \u00a0 \u00a0 \u00a0 \u00a0 \u00a0 \u00a0\u00a0 Sentencia T-808\/13 \u00a0 \u00a0 ACCION DE \u00a0 TUTELA CONTRA PROVIDENCIAS JUDICIALES-Requisitos generales y especiales de \u00a0 procedibilidad \u00a0 \u00a0 ACCION DE TUTELA \u00a0 CONTRA PROVIDENCIAS JUDICIALES-L\u00ednea jurisprudencial sobre causales \u00a0 gen\u00e9ricas y espec\u00edficas de procedibilidad \u00a0 \u00a0 CARACTERIZACION DEL DEFECTO FACTICO COMO CAUSAL ESPECIFICA DE PROCEDIBILIDAD DE \u00a0 LA ACCION DE TUTELA CONTRA PROVIDENCIAS JUDICIALES \u00a0 \u00a0 DEFECTO FACTICO-Configuraci\u00f3n \u00a0 \u00a0 Resulta \u00a0 claro que el defecto f\u00e1ctico est\u00e1 estrechamente vinculado a una valoraci\u00f3n \u00a0 probatoria arbitraria o a la omisi\u00f3n en la valoraci\u00f3n de una prueba determinante ...<br \/><div class=\"pt-cv-rmwrap\"><a href=\"https:\/\/www.dmsjuridica.com\/buscador_20179478954\/corteconstitucionalcronologico202454587\/t-808-13\/\" class=\"_self pt-cv-readmore btn btn-success\" target=\"_self\">Ver Sentencia Completa...<\/a><\/div><\/div><\/div><\/div>\n<div class=\"col-md-12 col-sm-12 col-xs-12 pt-cv-content-item pt-cv-1-col\" ><div class='pt-cv-ifield'><a href=\"https:\/\/www.dmsjuridica.com\/buscador_20179478954\/corteconstitucionalcronologico202454587\/t-807-13\/\" class=\"_self pt-cv-href-thumbnail pt-cv-thumb-default\" target=\"_self\" ><\/a>\n<div class=\"pt-cv-taxoterm above_title\"><a href='https:\/\/www.dmsjuridica.com\/buscador_20179478954\/corteconstitucionalcronologico202454587\/category\/buscar-en-toda-la-corte\/2013\/tutelas-2013\/' title='Tutelas 2013' class='pt-cv-tax-tutelas-2013'>Tutelas 2013<\/a><\/div>\n<h4 class=\"pt-cv-title\"><a href=\"https:\/\/www.dmsjuridica.com\/buscador_20179478954\/corteconstitucionalcronologico202454587\/t-807-13\/\" class=\"_self\" target=\"_self\" >T-807-13<\/a><\/h4>\n<div class=\"pt-cv-content\">Sentencia T-807\/13 \u00a0 \u00a0 DERECHO A LA \u00a0 SALUD DE NI\u00d1OS, NI\u00d1AS Y ADOLESCENTES EN SITUACION DE DISCAPACIDAD-Protecci\u00f3n \u00a0 constitucional \u00a0 \u00a0 DERECHO A LA \u00a0 SALUD DE NI\u00d1OS, NI\u00d1AS Y ADOLESCENTES EN SITUACION DE DISCAPACIDAD-Acceso a \u00a0 terapias alternativas no POS bajo la metodolog\u00eda A.B.A. \u00a0 \u00a0 PRINCIPIOS QUE \u00a0 RIGEN LA ACTIVIDAD MEDICA RESPECTO DE MENORES EN SITUACION DE DISCAPACIDAD-Integralidad \u00a0 y accesibilidad en la prestaci\u00f3n del servicio \u00a0 \u00a0 DERECHO A LA \u00a0 SALUD DE NI\u00d1OS, NI\u00d1AS Y ADOLESCENTES EN SITUACION DE DISCAPACIDAD Y PRINCIPIO DE \u00a0 INTEGRALIDAD-Protecci\u00f3n a\u00fan cuando tratamientos, medicamentos, ex\u00e1menes e \u00a0 intervenciones no ...<br \/><div class=\"pt-cv-rmwrap\"><a href=\"https:\/\/www.dmsjuridica.com\/buscador_20179478954\/corteconstitucionalcronologico202454587\/t-807-13\/\" class=\"_self pt-cv-readmore btn btn-success\" target=\"_self\">Ver Sentencia Completa...<\/a><\/div><\/div><\/div><\/div>\n<div class=\"col-md-12 col-sm-12 col-xs-12 pt-cv-content-item pt-cv-1-col\" ><div class='pt-cv-ifield'><a href=\"https:\/\/www.dmsjuridica.com\/buscador_20179478954\/corteconstitucionalcronologico202454587\/t-805-13\/\" class=\"_self pt-cv-href-thumbnail pt-cv-thumb-default\" target=\"_self\" ><\/a>\n<div class=\"pt-cv-taxoterm above_title\"><a href='https:\/\/www.dmsjuridica.com\/buscador_20179478954\/corteconstitucionalcronologico202454587\/category\/buscar-en-toda-la-corte\/2013\/tutelas-2013\/' title='Tutelas 2013' class='pt-cv-tax-tutelas-2013'>Tutelas 2013<\/a><\/div>\n<h4 class=\"pt-cv-title\"><a href=\"https:\/\/www.dmsjuridica.com\/buscador_20179478954\/corteconstitucionalcronologico202454587\/t-805-13\/\" class=\"_self\" target=\"_self\" >T-805-13<\/a><\/h4>\n<div class=\"pt-cv-content\">\u00a0 \u00a0 \u00a0 \u00a0 \u00a0 \u00a0T-805-13 \u00a0 \u00a0 \u00a0 \u00a0 \u00a0 \u00a0\u00a0 Sentencia T-805\/13 \u00a0 \u00a0 ACCION DE \u00a0 TUTELA PARA TRASLADO DE DOCENTE-Procedencia excepcional por vulneraci\u00f3n de \u00a0 derechos del trabajador o su n\u00facleo familiar \u00a0 \u00a0 La Corte \u00a0 Constitucional ha tenido oportunidad de pronunciarse en torno a la procedencia \u00a0 de la acci\u00f3n de tutela para lograr decisiones relativas al traslado de \u00a0 trabajadores, esculpiendo una l\u00ednea jurisprudencial sobre el tema, sea frente a \u00a0 solicitudes que la autoridad nominadora se niega a conceder, o cuando se busca \u00a0 la reconsideraci\u00f3n de una reubicaci\u00f3n. Se ha concluido ...<br \/><div class=\"pt-cv-rmwrap\"><a href=\"https:\/\/www.dmsjuridica.com\/buscador_20179478954\/corteconstitucionalcronologico202454587\/t-805-13\/\" class=\"_self pt-cv-readmore btn btn-success\" target=\"_self\">Ver Sentencia Completa...<\/a><\/div><\/div><\/div><\/div>\n<div class=\"col-md-12 col-sm-12 col-xs-12 pt-cv-content-item pt-cv-1-col\" ><div class='pt-cv-ifield'><a href=\"https:\/\/www.dmsjuridica.com\/buscador_20179478954\/corteconstitucionalcronologico202454587\/t-804-13\/\" class=\"_self pt-cv-href-thumbnail pt-cv-thumb-default\" target=\"_self\" ><\/a>\n<div class=\"pt-cv-taxoterm above_title\"><a href='https:\/\/www.dmsjuridica.com\/buscador_20179478954\/corteconstitucionalcronologico202454587\/category\/buscar-en-toda-la-corte\/2013\/tutelas-2013\/' title='Tutelas 2013' class='pt-cv-tax-tutelas-2013'>Tutelas 2013<\/a><\/div>\n<h4 class=\"pt-cv-title\"><a href=\"https:\/\/www.dmsjuridica.com\/buscador_20179478954\/corteconstitucionalcronologico202454587\/t-804-13\/\" class=\"_self\" target=\"_self\" >T-804-13<\/a><\/h4>\n<div class=\"pt-cv-content\">\u00a0 \u00a0 \u00a0 \u00a0 \u00a0 \u00a0T-804-13 \u00a0 \u00a0 \u00a0 \u00a0 \u00a0 \u00a0\u00a0 Sentencia T-804\/13 \u00a0 \u00a0 DERECHO FUNDAMENTAL A LA SALUD-Protecci\u00f3n constitucional especial \u00a0 \u00a0 LEY 1122\/07-Confiri\u00f3 \u00a0 a Superintendencia Nacional de Salud facultades jurisdiccionales para adelantar \u00a0 procedimientos que resuelvan controversias entre entidades promotoras de salud y \u00a0 usuarios \u00a0 \u00a0 FUNCION JURISDICCIONAL POR SUPERINTENDENCIA NACIONAL DE \u00a0 SALUD-No desplaza a juez de tutela \u00a0 cuando se trata de proteger el acceso efectivo al derecho fundamental a la salud \u00a0 \u00a0 No puede entenderse desplazada la competencia principal del juez de tutela en el \u00a0 escenario constitucional de acceso ...<br \/><div class=\"pt-cv-rmwrap\"><a href=\"https:\/\/www.dmsjuridica.com\/buscador_20179478954\/corteconstitucionalcronologico202454587\/t-804-13\/\" class=\"_self pt-cv-readmore btn btn-success\" target=\"_self\">Ver Sentencia Completa...<\/a><\/div><\/div><\/div><\/div>\n<div class=\"col-md-12 col-sm-12 col-xs-12 pt-cv-content-item pt-cv-1-col\" ><div class='pt-cv-ifield'><a href=\"https:\/\/www.dmsjuridica.com\/buscador_20179478954\/corteconstitucionalcronologico202454587\/t-803-13\/\" class=\"_self pt-cv-href-thumbnail pt-cv-thumb-default\" target=\"_self\" ><\/a>\n<div class=\"pt-cv-taxoterm above_title\"><a href='https:\/\/www.dmsjuridica.com\/buscador_20179478954\/corteconstitucionalcronologico202454587\/category\/buscar-en-toda-la-corte\/2013\/tutelas-2013\/' title='Tutelas 2013' class='pt-cv-tax-tutelas-2013'>Tutelas 2013<\/a><\/div>\n<h4 class=\"pt-cv-title\"><a href=\"https:\/\/www.dmsjuridica.com\/buscador_20179478954\/corteconstitucionalcronologico202454587\/t-803-13\/\" class=\"_self\" target=\"_self\" >T-803-13<\/a><\/h4>\n<div class=\"pt-cv-content\">\u00a0 \u00a0 \u00a0 \u00a0 \u00a0 \u00a0T-803-13 \u00a0 \u00a0 \u00a0 \u00a0 \u00a0 \u00a0\u00a0 Sentencia T-803\/13 \u00a0 \u00a0 MADRE CABEZA DE FAMILIA COMO SUJETO DE ESPECIAL \u00a0 PROTECCION CONSTITUCIONAL-Reiteraci\u00f3n \u00a0 de jurisprudencia \u00a0 \u00a0 Como una \u00a0 manifestaci\u00f3n del principio de igualdad material, la Constituci\u00f3n dispone un \u00a0 tratamiento preferencial para quienes se encuentren en situaci\u00f3n de \u00a0 vulnerabilidad, de forma que acorde con los fines del Estado social de derecho, \u00a0 se garantice no solo la atenci\u00f3n especializada e integral por sus condiciones de \u00a0 fragilidad f\u00edsica, mental o econ\u00f3mica sino la seguridad social para su sustento \u00a0 vital.\u00a0 En esta ...<br \/><div class=\"pt-cv-rmwrap\"><a href=\"https:\/\/www.dmsjuridica.com\/buscador_20179478954\/corteconstitucionalcronologico202454587\/t-803-13\/\" class=\"_self pt-cv-readmore btn btn-success\" target=\"_self\">Ver Sentencia Completa...<\/a><\/div><\/div><\/div><\/div>\n<div class=\"col-md-12 col-sm-12 col-xs-12 pt-cv-content-item pt-cv-1-col\" ><div class='pt-cv-ifield'><a href=\"https:\/\/www.dmsjuridica.com\/buscador_20179478954\/corteconstitucionalcronologico202454587\/t-802-13\/\" class=\"_self pt-cv-href-thumbnail pt-cv-thumb-default\" target=\"_self\" ><\/a>\n<div class=\"pt-cv-taxoterm above_title\"><a href='https:\/\/www.dmsjuridica.com\/buscador_20179478954\/corteconstitucionalcronologico202454587\/category\/buscar-en-toda-la-corte\/2013\/tutelas-2013\/' title='Tutelas 2013' class='pt-cv-tax-tutelas-2013'>Tutelas 2013<\/a><\/div>\n<h4 class=\"pt-cv-title\"><a href=\"https:\/\/www.dmsjuridica.com\/buscador_20179478954\/corteconstitucionalcronologico202454587\/t-802-13\/\" class=\"_self\" target=\"_self\" >T-802-13<\/a><\/h4>\n<div class=\"pt-cv-content\">\u00a0 \u00a0 \u00a0 \u00a0 \u00a0 \u00a0T-802-13 \u00a0 \u00a0 \u00a0 \u00a0 \u00a0 \u00a0\u00a0 Sentencia \u00a0 T-802\/13 \u00a0 \u00a0 ACCION DE TUTELA CONTRA EMPRESA DE MEDICINA PREPAGADA-Improcedencia general \u00a0 \u00a0 ACCION DE TUTELA PARA RESOLVER CONTROVERSIAS DERIVADAS \u00a0 DE LOS CONTRATOS DE MEDICINA PREPAGADA-Procedencia \u00a0 excepcional por vulneraci\u00f3n de un derecho fundamental \u00a0 \u00a0 Por regla general la acci\u00f3n de tutela es improcedente \u00a0 para resolver las controversias que se deriven de los contratos celebrados con \u00a0 entidades que tienen como fin proporcionar al usuario planes adicionales de \u00a0 atenci\u00f3n en salud, teniendo en cuenta su naturaleza privada, la cual debe ser ...<br \/><div class=\"pt-cv-rmwrap\"><a href=\"https:\/\/www.dmsjuridica.com\/buscador_20179478954\/corteconstitucionalcronologico202454587\/t-802-13\/\" class=\"_self pt-cv-readmore btn btn-success\" target=\"_self\">Ver Sentencia Completa...<\/a><\/div><\/div><\/div><\/div>\n<div class=\"col-md-12 col-sm-12 col-xs-12 pt-cv-content-item pt-cv-1-col\" ><div class='pt-cv-ifield'><a href=\"https:\/\/www.dmsjuridica.com\/buscador_20179478954\/corteconstitucionalcronologico202454587\/t-801-13\/\" class=\"_self pt-cv-href-thumbnail pt-cv-thumb-default\" target=\"_self\" ><\/a>\n<div class=\"pt-cv-taxoterm above_title\"><a href='https:\/\/www.dmsjuridica.com\/buscador_20179478954\/corteconstitucionalcronologico202454587\/category\/buscar-en-toda-la-corte\/2013\/tutelas-2013\/' title='Tutelas 2013' class='pt-cv-tax-tutelas-2013'>Tutelas 2013<\/a><\/div>\n<h4 class=\"pt-cv-title\"><a href=\"https:\/\/www.dmsjuridica.com\/buscador_20179478954\/corteconstitucionalcronologico202454587\/t-801-13\/\" class=\"_self\" target=\"_self\" >T-801-13<\/a><\/h4>\n<div class=\"pt-cv-content\">\u00a0 \u00a0 \u00a0 \u00a0 \u00a0 \u00a0T-801-13 \u00a0 \u00a0 \u00a0 \u00a0 \u00a0 \u00a0\u00a0 Sentencia T-801\/13 \u00a0 \u00a0 DERECHOS FUNDAMENTALES Y PENSION DE INVALIDEZ-Respeto \u00a0 de tratados internacionales sobre Derechos Humanos que hacen parte del bloque de \u00a0 constitucionalidad \u00a0 \u00a0 ACCION DE TUTELA PARA RECONOCIMIENTO DE PENSION DE INVALIDEZ-Procedencia excepcional por afectaci\u00f3n al m\u00ednimo vital \u00a0 y vida digna de sujetos de especial protecci\u00f3n \u00a0 \u00a0 Se ha resaltado la existencia de factores con los \u00a0 cuales la concesi\u00f3n y pago de la pensi\u00f3n de invalidez adquiere un rango a\u00fan m\u00e1s \u00a0 sobresaliente, por su palmaria relaci\u00f3n con derechos esenciales como ...<br \/><div class=\"pt-cv-rmwrap\"><a href=\"https:\/\/www.dmsjuridica.com\/buscador_20179478954\/corteconstitucionalcronologico202454587\/t-801-13\/\" class=\"_self pt-cv-readmore btn btn-success\" target=\"_self\">Ver Sentencia Completa...<\/a><\/div><\/div><\/div><\/div>\n<div class=\"col-md-12 col-sm-12 col-xs-12 pt-cv-content-item pt-cv-1-col\" ><div class='pt-cv-ifield'><a href=\"https:\/\/www.dmsjuridica.com\/buscador_20179478954\/corteconstitucionalcronologico202454587\/t-800-13\/\" class=\"_self pt-cv-href-thumbnail pt-cv-thumb-default\" target=\"_self\" ><\/a>\n<div class=\"pt-cv-taxoterm above_title\"><a href='https:\/\/www.dmsjuridica.com\/buscador_20179478954\/corteconstitucionalcronologico202454587\/category\/buscar-en-toda-la-corte\/2013\/tutelas-2013\/' title='Tutelas 2013' class='pt-cv-tax-tutelas-2013'>Tutelas 2013<\/a><\/div>\n<h4 class=\"pt-cv-title\"><a href=\"https:\/\/www.dmsjuridica.com\/buscador_20179478954\/corteconstitucionalcronologico202454587\/t-800-13\/\" class=\"_self\" target=\"_self\" >T-800-13<\/a><\/h4>\n<div class=\"pt-cv-content\">\u00a0 \u00a0 \u00a0 \u00a0 \u00a0 \u00a0T-800-13 \u00a0 \u00a0 \u00a0 \u00a0 \u00a0 \u00a0\u00a0 Sentencia \u00a0 T-800\/13 \u00a0 \u00a0 DERECHO AL PAGO DE INCAPACIDAD LABORAL-Procedencia de tutela cuando afecta m\u00ednimo \u00a0 vital del trabajador y su familia \u00a0 \u00a0 Frente al caso espec\u00edfico de las tutelas impetradas para obtener el pago de \u00a0 incapacidades laborales, debe considerarse un aspecto adicional, relacionado con \u00a0 la importancia que estas representan para quienes se ven obligados a suspender \u00a0 sus actividades laborales por razones de salud y no cuentan con ingresos \u00a0 distintos del salario para satisfacer sus necesidades b\u00e1sicas y las de su \u00a0 ...<br \/><div class=\"pt-cv-rmwrap\"><a href=\"https:\/\/www.dmsjuridica.com\/buscador_20179478954\/corteconstitucionalcronologico202454587\/t-800-13\/\" class=\"_self pt-cv-readmore btn btn-success\" target=\"_self\">Ver Sentencia Completa...<\/a><\/div><\/div><\/div><\/div>\n<div class=\"col-md-12 col-sm-12 col-xs-12 pt-cv-content-item pt-cv-1-col\" ><div class='pt-cv-ifield'><a href=\"https:\/\/www.dmsjuridica.com\/buscador_20179478954\/corteconstitucionalcronologico202454587\/t-799-13\/\" class=\"_self pt-cv-href-thumbnail pt-cv-thumb-default\" target=\"_self\" ><\/a>\n<div class=\"pt-cv-taxoterm above_title\"><a href='https:\/\/www.dmsjuridica.com\/buscador_20179478954\/corteconstitucionalcronologico202454587\/category\/buscar-en-toda-la-corte\/2013\/tutelas-2013\/' title='Tutelas 2013' class='pt-cv-tax-tutelas-2013'>Tutelas 2013<\/a><\/div>\n<h4 class=\"pt-cv-title\"><a href=\"https:\/\/www.dmsjuridica.com\/buscador_20179478954\/corteconstitucionalcronologico202454587\/t-799-13\/\" class=\"_self\" target=\"_self\" >T-799-13<\/a><\/h4>\n<div class=\"pt-cv-content\">\u00a0 \u00a0 \u00a0 \u00a0 \u00a0 \u00a0T-799-13 \u00a0 \u00a0 \u00a0 \u00a0 \u00a0 \u00a0\u00a0 Sentencia T-799\/13 \u00a0 \u00a0 ACCION DE TUTELA \u00a0 PARA RECONOCIMIENTO DE PENSION DE VEJEZ-Procedencia excepcional cuando se \u00a0 vulneran derechos de las personas de la tercera edad \u00a0 \u00a0 REGIMEN \u00a0 PENSIONAL ESPECIAL DE LOS FUNCIONARIOS DE LA RAMA JUDICIAL Y MINISTERIO PUBLICO-Regulado \u00a0 por el Decreto 546 de 1971 \u00a0 \u00a0 PENSION DE VEJEZ-Inoponibilidad \u00a0 de tr\u00e1mites administrativos respecto de quien cumpli\u00f3 requisitos para obtener la \u00a0 pensi\u00f3n \u00a0 \u00a0 En abundante jurisprudencia, la \u00a0 Corte ha se\u00f1alado que cuando est\u00e1n en juego los derechos fundamentales, el ...<br \/><div class=\"pt-cv-rmwrap\"><a href=\"https:\/\/www.dmsjuridica.com\/buscador_20179478954\/corteconstitucionalcronologico202454587\/t-799-13\/\" class=\"_self pt-cv-readmore btn btn-success\" target=\"_self\">Ver Sentencia Completa...<\/a><\/div><\/div><\/div><\/div>\n<div class=\"col-md-12 col-sm-12 col-xs-12 pt-cv-content-item pt-cv-1-col\" ><div class='pt-cv-ifield'><a href=\"https:\/\/www.dmsjuridica.com\/buscador_20179478954\/corteconstitucionalcronologico202454587\/t-798-13\/\" class=\"_self pt-cv-href-thumbnail pt-cv-thumb-default\" target=\"_self\" ><\/a>\n<div class=\"pt-cv-taxoterm above_title\"><a href='https:\/\/www.dmsjuridica.com\/buscador_20179478954\/corteconstitucionalcronologico202454587\/category\/buscar-en-toda-la-corte\/2013\/tutelas-2013\/' title='Tutelas 2013' class='pt-cv-tax-tutelas-2013'>Tutelas 2013<\/a><\/div>\n<h4 class=\"pt-cv-title\"><a href=\"https:\/\/www.dmsjuridica.com\/buscador_20179478954\/corteconstitucionalcronologico202454587\/t-798-13\/\" class=\"_self\" target=\"_self\" >T-798-13<\/a><\/h4>\n<div class=\"pt-cv-content\">\u00a0 \u00a0 \u00a0 \u00a0 \u00a0 \u00a0T-798-13 \u00a0 \u00a0 \u00a0 \u00a0 \u00a0 \u00a0\u00a0 Sentencia T-798\/13 \u00a0 \u00a0 PRINCIPIO DE SUBSIDIARIEDAD DE LA ACCION DE TUTELA ANTE \u00a0 LA EXISTENCIA DE MECANISMOS DE DEFENSA JUDICIAL PERTINENTES-Reiteraci\u00f3n de jurisprudencia \u00a0 \u00a0 PRINCIPIO DE \u00a0 SUBSIDIARIEDAD-Excepciones\/PRINCIPIO DE SUBSIDIARIEDAD-Procedencia de \u00a0 la acci\u00f3n de tutela para evitar un perjuicio irremediable pese a existir otro \u00a0 medio de defensa judicial \u00a0 \u00a0 Existiendo \u00a0 otro medio de defensa judicial, la Corte ha contemplado dos excepciones que \u00a0 hacen procedente la acci\u00f3n de tutela. La primera, consiste en que el medio o \u00a0 recurso legal existente para ...<br \/><div class=\"pt-cv-rmwrap\"><a href=\"https:\/\/www.dmsjuridica.com\/buscador_20179478954\/corteconstitucionalcronologico202454587\/t-798-13\/\" class=\"_self pt-cv-readmore btn btn-success\" target=\"_self\">Ver Sentencia Completa...<\/a><\/div><\/div><\/div><\/div>\n<div class=\"col-md-12 col-sm-12 col-xs-12 pt-cv-content-item pt-cv-1-col\" ><div class='pt-cv-ifield'><a href=\"https:\/\/www.dmsjuridica.com\/buscador_20179478954\/corteconstitucionalcronologico202454587\/t-797-13\/\" class=\"_self pt-cv-href-thumbnail pt-cv-thumb-default\" target=\"_self\" ><\/a>\n<div class=\"pt-cv-taxoterm above_title\"><a href='https:\/\/www.dmsjuridica.com\/buscador_20179478954\/corteconstitucionalcronologico202454587\/category\/buscar-en-toda-la-corte\/2013\/tutelas-2013\/' title='Tutelas 2013' class='pt-cv-tax-tutelas-2013'>Tutelas 2013<\/a><\/div>\n<h4 class=\"pt-cv-title\"><a href=\"https:\/\/www.dmsjuridica.com\/buscador_20179478954\/corteconstitucionalcronologico202454587\/t-797-13\/\" class=\"_self\" target=\"_self\" >T-797-13<\/a><\/h4>\n<div class=\"pt-cv-content\">\u00a0 \u00a0 \u00a0 \u00a0 \u00a0 \u00a0T-797-13 \u00a0 \u00a0 \u00a0 \u00a0 \u00a0 \u00a0\u00a0 Sentencia T-797\/13 \u00a0 \u00a0 ACCION DE TUTELA CONTRA PROVIDENCIAS \u00a0 JUDICIALES-Requisitos \u00a0 generales y especiales de procedibilidad \u00a0 \u00a0 PRINCIPIO DE INMEDIATEZ COMO REQUISITO DE \u00a0 PROCEDIBILIDAD DE LA ACCION DE TUTELA CONTRA PROVIDENCIAS JUDICIALES-Subreglas para determinar el cumplimiento a \u00a0 pesar de que no exista un t\u00e9rmino de caducidad de la acci\u00f3n de tutela \u00a0 \u00a0 La jurisprudencia constitucional se ha ocupado de establecer algunos par\u00e1metros \u00a0 que sirven de gu\u00eda a la labor del juez constitucional en cuanto al an\u00e1lisis de \u00a0 razonabilidad del t\u00e9rmino para ...<br \/><div class=\"pt-cv-rmwrap\"><a href=\"https:\/\/www.dmsjuridica.com\/buscador_20179478954\/corteconstitucionalcronologico202454587\/t-797-13\/\" class=\"_self pt-cv-readmore btn btn-success\" target=\"_self\">Ver Sentencia Completa...<\/a><\/div><\/div><\/div><\/div>\n<div class=\"col-md-12 col-sm-12 col-xs-12 pt-cv-content-item pt-cv-1-col\" ><div class='pt-cv-ifield'><a href=\"https:\/\/www.dmsjuridica.com\/buscador_20179478954\/corteconstitucionalcronologico202454587\/t-796-13\/\" class=\"_self pt-cv-href-thumbnail pt-cv-thumb-default\" target=\"_self\" ><\/a>\n<div class=\"pt-cv-taxoterm above_title\"><a href='https:\/\/www.dmsjuridica.com\/buscador_20179478954\/corteconstitucionalcronologico202454587\/category\/buscar-en-toda-la-corte\/2013\/tutelas-2013\/' title='Tutelas 2013' class='pt-cv-tax-tutelas-2013'>Tutelas 2013<\/a><\/div>\n<h4 class=\"pt-cv-title\"><a href=\"https:\/\/www.dmsjuridica.com\/buscador_20179478954\/corteconstitucionalcronologico202454587\/t-796-13\/\" class=\"_self\" target=\"_self\" >T-796-13<\/a><\/h4>\n<div class=\"pt-cv-content\">\u00a0 \u00a0 \u00a0 \u00a0 \u00a0 \u00a0T-796-13 \u00a0 \u00a0 \u00a0 \u00a0 \u00a0 \u00a0\u00a0 Sentencia T-796\/13 \u00a0 \u00a0 MUJER TRABAJADORA \u00a0 EMBARAZADA-Protecci\u00f3n constitucional especial \u00a0 \u00a0 DERECHO A LA \u00a0 ESTABILIDAD LABORAL REFORZADA DE MUJER EMBARAZADA-Alcance del derecho a \u00a0 partir de sentencia SU070\/13 \u00a0 \u00a0 REGLAS SOBRE \u00a0 EL ALCANCE DE LA PROTECCION REFORZADA A LA MATERNIDAD Y A LA LACTANCIA EN EL \u00a0 AMBITO DEL TRABAJO-Alcance distinto seg\u00fan la modalidad del contrato y seg\u00fan \u00a0 el empleador haya conocido o no del embarazo al momento del despido \u00a0 \u00a0 DERECHO FUNDAMENTAL \u00a0 A LA SALUD DE NI\u00d1OS Y NI\u00d1AS-Debe ser ...<br \/><div class=\"pt-cv-rmwrap\"><a href=\"https:\/\/www.dmsjuridica.com\/buscador_20179478954\/corteconstitucionalcronologico202454587\/t-796-13\/\" class=\"_self pt-cv-readmore btn btn-success\" target=\"_self\">Ver Sentencia Completa...<\/a><\/div><\/div><\/div><\/div>\n<div class=\"col-md-12 col-sm-12 col-xs-12 pt-cv-content-item pt-cv-1-col\" ><div class='pt-cv-ifield'><a href=\"https:\/\/www.dmsjuridica.com\/buscador_20179478954\/corteconstitucionalcronologico202454587\/t-795-13\/\" class=\"_self pt-cv-href-thumbnail pt-cv-thumb-default\" target=\"_self\" ><\/a>\n<div class=\"pt-cv-taxoterm above_title\"><a href='https:\/\/www.dmsjuridica.com\/buscador_20179478954\/corteconstitucionalcronologico202454587\/category\/buscar-en-toda-la-corte\/2013\/tutelas-2013\/' title='Tutelas 2013' class='pt-cv-tax-tutelas-2013'>Tutelas 2013<\/a><\/div>\n<h4 class=\"pt-cv-title\"><a href=\"https:\/\/www.dmsjuridica.com\/buscador_20179478954\/corteconstitucionalcronologico202454587\/t-795-13\/\" class=\"_self\" target=\"_self\" >T-795-13<\/a><\/h4>\n<div class=\"pt-cv-content\">\u00a0 \u00a0 \u00a0 \u00a0 \u00a0 \u00a0T-795-13 \u00a0 \u00a0 \u00a0 \u00a0 \u00a0 \u00a0\u00a0 Sentencia T-795\/13 \u00a0 \u00a0 LEGITIMACION POR ACTIVA EN TUTELA DE COMUNIDAD INDIGENA-En representaci\u00f3n de miembros de la comunidad \u00a0 \u00a0 COMUNIDADES INDIGENAS COMO SUJETOS DE ESPECIAL PROTECCION \u00a0 CONSTITUCIONAL Y TITULARES DE DERECHOS FUNDAMENTALES-Procedencia de la acci\u00f3n de tutela para la protecci\u00f3n de sus derechos \u00a0 \u00a0 Dado el nexo \u00a0 inescindible que tienen los derechos de la comunidad ind\u00edgena con su \u00a0 supervivencia, se hace necesario que el acceso al aparato judicial y, \u00a0 principalmente, a la acci\u00f3n de amparo, sea menos riguroso y estricto, torn\u00e1ndose \u00a0 ...<br \/><div class=\"pt-cv-rmwrap\"><a href=\"https:\/\/www.dmsjuridica.com\/buscador_20179478954\/corteconstitucionalcronologico202454587\/t-795-13\/\" class=\"_self pt-cv-readmore btn btn-success\" target=\"_self\">Ver Sentencia Completa...<\/a><\/div><\/div><\/div><\/div>\n<div class=\"col-md-12 col-sm-12 col-xs-12 pt-cv-content-item pt-cv-1-col\" ><div class='pt-cv-ifield'><a href=\"https:\/\/www.dmsjuridica.com\/buscador_20179478954\/corteconstitucionalcronologico202454587\/t-794-13\/\" class=\"_self pt-cv-href-thumbnail pt-cv-thumb-default\" target=\"_self\" ><\/a>\n<div class=\"pt-cv-taxoterm above_title\"><a href='https:\/\/www.dmsjuridica.com\/buscador_20179478954\/corteconstitucionalcronologico202454587\/category\/buscar-en-toda-la-corte\/2013\/tutelas-2013\/' title='Tutelas 2013' class='pt-cv-tax-tutelas-2013'>Tutelas 2013<\/a><\/div>\n<h4 class=\"pt-cv-title\"><a href=\"https:\/\/www.dmsjuridica.com\/buscador_20179478954\/corteconstitucionalcronologico202454587\/t-794-13\/\" class=\"_self\" target=\"_self\" >T-794-13<\/a><\/h4>\n<div class=\"pt-cv-content\">\u00a0 \u00a0 \u00a0 \u00a0 \u00a0 \u00a0T-794-13 \u00a0 \u00a0 \u00a0 \u00a0 \u00a0 \u00a0\u00a0 Sentencia T-794\/13 \u00a0 \u00a0 DERECHO FUNDAMENTAL DE PETICION-Contenido y alcance \u00a0 \u00a0 El derecho de petici\u00f3n, como instituci\u00f3n jur\u00eddica, tiene car\u00e1cter especial, pues \u00a0 aun cuando es un derecho fundamental aut\u00f3nomo, es la v\u00eda por medio de la cual se \u00a0 protegen otros derechos, ya que est\u00e1 sumamente ligado a garant\u00edas fundamentales \u00a0 como la libertad de expresi\u00f3n, el derecho a la participaci\u00f3n o el derecho a la \u00a0 informaci\u00f3n. La Corte ha manifestado que el ejercicio del derecho de petici\u00f3n no \u00a0 se limita a la posibilidad ...<br \/><div class=\"pt-cv-rmwrap\"><a href=\"https:\/\/www.dmsjuridica.com\/buscador_20179478954\/corteconstitucionalcronologico202454587\/t-794-13\/\" class=\"_self pt-cv-readmore btn btn-success\" target=\"_self\">Ver Sentencia Completa...<\/a><\/div><\/div><\/div><\/div>\n<div class=\"col-md-12 col-sm-12 col-xs-12 pt-cv-content-item pt-cv-1-col\" ><div class='pt-cv-ifield'><a href=\"https:\/\/www.dmsjuridica.com\/buscador_20179478954\/corteconstitucionalcronologico202454587\/t-793-13\/\" class=\"_self pt-cv-href-thumbnail pt-cv-thumb-default\" target=\"_self\" ><\/a>\n<div class=\"pt-cv-taxoterm above_title\"><a href='https:\/\/www.dmsjuridica.com\/buscador_20179478954\/corteconstitucionalcronologico202454587\/category\/buscar-en-toda-la-corte\/2013\/tutelas-2013\/' title='Tutelas 2013' class='pt-cv-tax-tutelas-2013'>Tutelas 2013<\/a><\/div>\n<h4 class=\"pt-cv-title\"><a href=\"https:\/\/www.dmsjuridica.com\/buscador_20179478954\/corteconstitucionalcronologico202454587\/t-793-13\/\" class=\"_self\" target=\"_self\" >T-793-13<\/a><\/h4>\n<div class=\"pt-cv-content\">\u00a0 \u00a0 \u00a0 \u00a0 \u00a0 \u00a0T-793-13 \u00a0 \u00a0 \u00a0 \u00a0 \u00a0 \u00a0\u00a0 Sentencia T-793\/13 \u00a0 \u00a0 ACCION DE \u00a0 TUTELA CONTRA PROVIDENCIAS JUDICIALES-Requisitos generales y especiales de \u00a0 procedibilidad \u00a0 \u00a0 DEFECTO \u00a0 PROCEDIMENTAL ABSOLUTO Y DEFECTO PROCEDIMENTAL POR EXCESO RITUAL MANIFIESTO \u00a0 \u00a0 El art\u00edculo 29 de la \u00a0 Constituci\u00f3n consagra el derecho fundamental al debido proceso, el cual debe \u00a0 observarse en toda clase de actuaciones administrativas.\u00a0 En concordancia, \u00a0 el art\u00edculo 228 superior se\u00f1ala que el actuar de la administraci\u00f3n de justicia \u00a0 debe estar sujeto al principio de prevalencia del derecho sustancial. En ese \u00a0 sentido, ...<br \/><div class=\"pt-cv-rmwrap\"><a href=\"https:\/\/www.dmsjuridica.com\/buscador_20179478954\/corteconstitucionalcronologico202454587\/t-793-13\/\" class=\"_self pt-cv-readmore btn btn-success\" target=\"_self\">Ver Sentencia Completa...<\/a><\/div><\/div><\/div><\/div>\n<div class=\"col-md-12 col-sm-12 col-xs-12 pt-cv-content-item pt-cv-1-col\" ><div class='pt-cv-ifield'><a href=\"https:\/\/www.dmsjuridica.com\/buscador_20179478954\/corteconstitucionalcronologico202454587\/t-792-13\/\" class=\"_self pt-cv-href-thumbnail pt-cv-thumb-default\" target=\"_self\" ><\/a>\n<div class=\"pt-cv-taxoterm above_title\"><a href='https:\/\/www.dmsjuridica.com\/buscador_20179478954\/corteconstitucionalcronologico202454587\/category\/buscar-en-toda-la-corte\/2013\/tutelas-2013\/' title='Tutelas 2013' class='pt-cv-tax-tutelas-2013'>Tutelas 2013<\/a><\/div>\n<h4 class=\"pt-cv-title\"><a href=\"https:\/\/www.dmsjuridica.com\/buscador_20179478954\/corteconstitucionalcronologico202454587\/t-792-13\/\" class=\"_self\" target=\"_self\" >T-792-13<\/a><\/h4>\n<div class=\"pt-cv-content\">\u00a0 \u00a0 \u00a0 \u00a0 \u00a0 \u00a0T-792-13 \u00a0 \u00a0 \u00a0 \u00a0 \u00a0 \u00a0\u00a0 Sentencia T-792\/13 \u00a0 \u00a0 PRINCIPIO DE \u00a0 SUBSIDIARIEDAD E INMEDIATEZ EN LA ACCION DE TUTELA-Circunstancias especiales \u00a0 de procedencia de \u00e9sta cuando se llegue a la convicci\u00f3n de la existencia un \u00a0 perjuicio irremediable \u00a0 \u00a0 ACCION DE \u00a0 TUTELA PARA RECLAMAR PRESTACIONES ECONOMICAS PENSIONALES-Requisitos de \u00a0 procedencia \u00a0 \u00a0 Por regla general, no procede \u00a0 en temas que guardan relaci\u00f3n con el reconocimiento y pago de prestaciones \u00a0 peri\u00f3dicas, como la que en esta oportunidad se reclama, ya que es la \u00a0 jurisdicci\u00f3n ordinaria, o contencioso administrativa, ...<br \/><div class=\"pt-cv-rmwrap\"><a href=\"https:\/\/www.dmsjuridica.com\/buscador_20179478954\/corteconstitucionalcronologico202454587\/t-792-13\/\" class=\"_self pt-cv-readmore btn btn-success\" target=\"_self\">Ver Sentencia Completa...<\/a><\/div><\/div><\/div><\/div>\n<div class=\"col-md-12 col-sm-12 col-xs-12 pt-cv-content-item pt-cv-1-col\" ><div class='pt-cv-ifield'><a href=\"https:\/\/www.dmsjuridica.com\/buscador_20179478954\/corteconstitucionalcronologico202454587\/t-791a-13\/\" class=\"_self pt-cv-href-thumbnail pt-cv-thumb-default\" target=\"_self\" ><\/a>\n<div class=\"pt-cv-taxoterm above_title\"><a href='https:\/\/www.dmsjuridica.com\/buscador_20179478954\/corteconstitucionalcronologico202454587\/category\/buscar-en-toda-la-corte\/2013\/tutelas-2013\/' title='Tutelas 2013' class='pt-cv-tax-tutelas-2013'>Tutelas 2013<\/a><\/div>\n<h4 class=\"pt-cv-title\"><a href=\"https:\/\/www.dmsjuridica.com\/buscador_20179478954\/corteconstitucionalcronologico202454587\/t-791a-13\/\" class=\"_self\" target=\"_self\" >T-791A-13<\/a><\/h4>\n<div class=\"pt-cv-content\">\u00a0 \u00a0 \u00a0 \u00a0 \u00a0 \u00a0T-791A-13 \u00a0 \u00a0 \u00a0 \u00a0 \u00a0 \u00a0\u00a0 Sentencia T-791A\/13 \u00a0 \u00a0 ACCION DE TUTELA CONTRA PROVIDENCIAS JUDICIALES-Requisitos generales y especiales de procedibilidad \u00a0 \u00a0 DEFECTO FACTICO-Dimensi\u00f3n negativa y positiva \u00a0 \u00a0 El defecto f\u00e1ctico surge cuando la autoridad judicial carece del \u00a0 apoyo probatorio que permita la aplicaci\u00f3n objetiva y racional del supuesto \u00a0 legal en el que se sustenta la decisi\u00f3n. Premisa tras la cual subyace el \u00a0 fundamento justificante de la intervenci\u00f3n del juez de tutela por deficiencias \u00a0 probatorias en el proceso, a pesar de las amplias facultades con que cuenta el ...<br \/><div class=\"pt-cv-rmwrap\"><a href=\"https:\/\/www.dmsjuridica.com\/buscador_20179478954\/corteconstitucionalcronologico202454587\/t-791a-13\/\" class=\"_self pt-cv-readmore btn btn-success\" target=\"_self\">Ver Sentencia Completa...<\/a><\/div><\/div><\/div><\/div>\n<div class=\"col-md-12 col-sm-12 col-xs-12 pt-cv-content-item pt-cv-1-col\" ><div class='pt-cv-ifield'><a href=\"https:\/\/www.dmsjuridica.com\/buscador_20179478954\/corteconstitucionalcronologico202454587\/t-791-13\/\" class=\"_self pt-cv-href-thumbnail pt-cv-thumb-default\" target=\"_self\" ><\/a>\n<div class=\"pt-cv-taxoterm above_title\"><a href='https:\/\/www.dmsjuridica.com\/buscador_20179478954\/corteconstitucionalcronologico202454587\/category\/buscar-en-toda-la-corte\/2013\/tutelas-2013\/' title='Tutelas 2013' class='pt-cv-tax-tutelas-2013'>Tutelas 2013<\/a><\/div>\n<h4 class=\"pt-cv-title\"><a href=\"https:\/\/www.dmsjuridica.com\/buscador_20179478954\/corteconstitucionalcronologico202454587\/t-791-13\/\" class=\"_self\" target=\"_self\" >T-791-13<\/a><\/h4>\n<div class=\"pt-cv-content\">\u00a0 \u00a0 \u00a0 \u00a0 \u00a0 \u00a0T-791-13 \u00a0 \u00a0 \u00a0 \u00a0 \u00a0 \u00a0\u00a0 Sentencia T-791\/13 \u00a0 \u00a0 ACCION DE TUTELA CONTRA PROVIDENCIAS \u00a0 JUDICIALES-Requisitos \u00a0 generales y especiales de procedibilidad \u00a0 \u00a0 La Corte Constitucional ha precisado los \u00a0 requisitos de orden sustancial y procedimental que deben ser acreditados en cada \u00a0 caso concreto, para que proceda la acci\u00f3n de amparo constitucional contra una \u00a0 providencia judicial. As\u00ed, cuando concurran todas las \u00a0 causales gen\u00e9ricas y por lo menos una de las espec\u00edficas de procedibilidad, el \u00a0 amparo es procedente para garantizar el goce efectivo de los derechos \u00a0 fundamentales vulnerados ...<br \/><div class=\"pt-cv-rmwrap\"><a href=\"https:\/\/www.dmsjuridica.com\/buscador_20179478954\/corteconstitucionalcronologico202454587\/t-791-13\/\" class=\"_self pt-cv-readmore btn btn-success\" target=\"_self\">Ver Sentencia Completa...<\/a><\/div><\/div><\/div><\/div>\n<div class=\"col-md-12 col-sm-12 col-xs-12 pt-cv-content-item pt-cv-1-col\" ><div class='pt-cv-ifield'><a href=\"https:\/\/www.dmsjuridica.com\/buscador_20179478954\/corteconstitucionalcronologico202454587\/t-790-13\/\" class=\"_self pt-cv-href-thumbnail pt-cv-thumb-default\" target=\"_self\" ><\/a>\n<div class=\"pt-cv-taxoterm above_title\"><a href='https:\/\/www.dmsjuridica.com\/buscador_20179478954\/corteconstitucionalcronologico202454587\/category\/buscar-en-toda-la-corte\/2013\/tutelas-2013\/' title='Tutelas 2013' class='pt-cv-tax-tutelas-2013'>Tutelas 2013<\/a><\/div>\n<h4 class=\"pt-cv-title\"><a href=\"https:\/\/www.dmsjuridica.com\/buscador_20179478954\/corteconstitucionalcronologico202454587\/t-790-13\/\" class=\"_self\" target=\"_self\" >T-790-13<\/a><\/h4>\n<div class=\"pt-cv-content\">\u00a0 \u00a0 \u00a0 \u00a0 \u00a0 \u00a0T-790-13 \u00a0 \u00a0 \u00a0 \u00a0 \u00a0 \u00a0\u00a0 Sentencia T-790\/13 \u00a0 \u00a0 FUNCION \u00a0 JURISDICCIONAL POR SUPERINTENDENCIA NACIONAL DE SALUD-No contempla debate \u00a0 sobre autorizaci\u00f3n de procedimientos, medicamentos y\/o insumos excluidos del POS \u00a0 \u00a0 PRESTACION \u00a0 DEL SERVICIO DE SALUD-Plazo razonable \u00a0 \u00a0 Entre los principios que \u00a0 orientan la prestaci\u00f3n del servicio p\u00fablico esencial de seguridad social, se \u00a0 encuentra la eficacia, definida por el Art\u00edculo 2 de la Ley 100 de 1993 como \u201cla \u00a0 mejor utilizaci\u00f3n social y econ\u00f3mica de los recursos administrativos, t\u00e9cnicos y \u00a0 financieros disponibles para que los beneficios ...<br \/><div class=\"pt-cv-rmwrap\"><a href=\"https:\/\/www.dmsjuridica.com\/buscador_20179478954\/corteconstitucionalcronologico202454587\/t-790-13\/\" class=\"_self pt-cv-readmore btn btn-success\" target=\"_self\">Ver Sentencia Completa...<\/a><\/div><\/div><\/div><\/div>\n<div class=\"col-md-12 col-sm-12 col-xs-12 pt-cv-content-item pt-cv-1-col\" ><div class='pt-cv-ifield'><a href=\"https:\/\/www.dmsjuridica.com\/buscador_20179478954\/corteconstitucionalcronologico202454587\/t-789-13\/\" class=\"_self pt-cv-href-thumbnail pt-cv-thumb-default\" target=\"_self\" ><\/a>\n<div class=\"pt-cv-taxoterm above_title\"><a href='https:\/\/www.dmsjuridica.com\/buscador_20179478954\/corteconstitucionalcronologico202454587\/category\/buscar-en-toda-la-corte\/2013\/tutelas-2013\/' title='Tutelas 2013' class='pt-cv-tax-tutelas-2013'>Tutelas 2013<\/a><\/div>\n<h4 class=\"pt-cv-title\"><a href=\"https:\/\/www.dmsjuridica.com\/buscador_20179478954\/corteconstitucionalcronologico202454587\/t-789-13\/\" class=\"_self\" target=\"_self\" >T-789-13<\/a><\/h4>\n<div class=\"pt-cv-content\">\u00a0 \u00a0 \u00a0 \u00a0 \u00a0 \u00a0T-789-13 \u00a0 \u00a0 \u00a0 \u00a0 \u00a0 \u00a0\u00a0 Sentencia T-789\/13 \u00a0 \u00a0 LEGITIMACION POR PASIVA EN TUTELA-Entidad de car\u00e1cter particular que se ocupa de prestar \u00a0 el servicio p\u00fablico de educaci\u00f3n \u00a0 \u00a0 El art\u00edculo 86 del Texto Superior establece que la acci\u00f3n de tutela tiene por \u00a0 objeto la protecci\u00f3n efectiva e inmediata de los derechos fundamentales, cuando \u00a0 quiera que \u00e9stos resulten vulnerados o amenazados por la acci\u00f3n u omisi\u00f3n de las \u00a0 autoridades p\u00fablicas o de los particulares, en los casos previstos en la \u00a0 Constituci\u00f3n y en la ley. \u00a0 Precisamente, el ...<br \/><div class=\"pt-cv-rmwrap\"><a href=\"https:\/\/www.dmsjuridica.com\/buscador_20179478954\/corteconstitucionalcronologico202454587\/t-789-13\/\" class=\"_self pt-cv-readmore btn btn-success\" target=\"_self\">Ver Sentencia Completa...<\/a><\/div><\/div><\/div><\/div>\n<div class=\"col-md-12 col-sm-12 col-xs-12 pt-cv-content-item pt-cv-1-col\" ><div class='pt-cv-ifield'><a href=\"https:\/\/www.dmsjuridica.com\/buscador_20179478954\/corteconstitucionalcronologico202454587\/t-788-13\/\" class=\"_self pt-cv-href-thumbnail pt-cv-thumb-default\" target=\"_self\" ><\/a>\n<div class=\"pt-cv-taxoterm above_title\"><a href='https:\/\/www.dmsjuridica.com\/buscador_20179478954\/corteconstitucionalcronologico202454587\/category\/buscar-en-toda-la-corte\/2013\/tutelas-2013\/' title='Tutelas 2013' class='pt-cv-tax-tutelas-2013'>Tutelas 2013<\/a><\/div>\n<h4 class=\"pt-cv-title\"><a href=\"https:\/\/www.dmsjuridica.com\/buscador_20179478954\/corteconstitucionalcronologico202454587\/t-788-13\/\" class=\"_self\" target=\"_self\" >T-788-13<\/a><\/h4>\n<div class=\"pt-cv-content\">\u00a0 \u00a0 \u00a0 \u00a0 \u00a0 \u00a0T-788-13 \u00a0 \u00a0 \u00a0 \u00a0 \u00a0 \u00a0\u00a0 Sentencia T-788\/13 \u00a0 \u00a0 JURISPRUDENCIA CONSTITUCIONAL SOBRE LA CARENCIA ACTUAL \u00a0 DE OBJETO-Hecho superado y da\u00f1o \u00a0 consumado \u00a0 \u00a0 Esta Corporaci\u00f3n ha sostenido que cuando hechos sobrevinientes a la instauraci\u00f3n \u00a0 de la acci\u00f3n de tutela, alteran de manera significativa el supuesto f\u00e1ctico \u00a0 sobre el que se estructur\u00f3 el reclamo constitucional, al punto que desaparece \u00a0 todo o parte principal de su fundamento emp\u00edrico, decae la necesidad de \u00a0 protecci\u00f3n actual e inmediata que subyace a la esencia del amparo. A este \u00a0 fen\u00f3meno la Corte ...<br \/><div class=\"pt-cv-rmwrap\"><a href=\"https:\/\/www.dmsjuridica.com\/buscador_20179478954\/corteconstitucionalcronologico202454587\/t-788-13\/\" class=\"_self pt-cv-readmore btn btn-success\" target=\"_self\">Ver Sentencia Completa...<\/a><\/div><\/div><\/div><\/div>\n<div class=\"col-md-12 col-sm-12 col-xs-12 pt-cv-content-item pt-cv-1-col\" ><div class='pt-cv-ifield'><a href=\"https:\/\/www.dmsjuridica.com\/buscador_20179478954\/corteconstitucionalcronologico202454587\/t-787-13\/\" class=\"_self pt-cv-href-thumbnail pt-cv-thumb-default\" target=\"_self\" ><\/a>\n<div class=\"pt-cv-taxoterm above_title\"><a href='https:\/\/www.dmsjuridica.com\/buscador_20179478954\/corteconstitucionalcronologico202454587\/category\/buscar-en-toda-la-corte\/2013\/tutelas-2013\/' title='Tutelas 2013' class='pt-cv-tax-tutelas-2013'>Tutelas 2013<\/a><\/div>\n<h4 class=\"pt-cv-title\"><a href=\"https:\/\/www.dmsjuridica.com\/buscador_20179478954\/corteconstitucionalcronologico202454587\/t-787-13\/\" class=\"_self\" target=\"_self\" >T-787-13<\/a><\/h4>\n<div class=\"pt-cv-content\">\u00a0 \u00a0 \u00a0 \u00a0 \u00a0 \u00a0T-787-13 \u00a0 \u00a0 \u00a0 \u00a0 \u00a0 \u00a0\u00a0 Sentencia T-787\/13 \u00a0 \u00a0 AFECTACION DE DERECHOS FUNDAMENTALES-Protecci\u00f3n constitucional \u00a0 \u00a0 JURISPRUDENCIA CONSTITUCIONAL SOBRE LA CARENCIA ACTUAL \u00a0 DE OBJETO-Hecho superado y da\u00f1o \u00a0 consumado \u00a0 \u00a0 La carencia actual de objeto por hecho superado, se \u00a0 produce \u201ccuando la pretensi\u00f3n es satisfecha antes de que el fallo de tutela sea \u00a0 proferido, con lo cual, se torna inocuo impartir alguna orden encaminada a \u00a0 superar una situaci\u00f3n ya acaecida. En tal caso, el juez constitucional deber\u00e1 \u00a0 pronunciarse sobre los derechos invocados y la situaci\u00f3n f\u00e1ctica que ...<br \/><div class=\"pt-cv-rmwrap\"><a href=\"https:\/\/www.dmsjuridica.com\/buscador_20179478954\/corteconstitucionalcronologico202454587\/t-787-13\/\" class=\"_self pt-cv-readmore btn btn-success\" target=\"_self\">Ver Sentencia Completa...<\/a><\/div><\/div><\/div><\/div>\n<div class=\"col-md-12 col-sm-12 col-xs-12 pt-cv-content-item pt-cv-1-col\" ><div class='pt-cv-ifield'><a href=\"https:\/\/www.dmsjuridica.com\/buscador_20179478954\/corteconstitucionalcronologico202454587\/t-786-13\/\" class=\"_self pt-cv-href-thumbnail pt-cv-thumb-default\" target=\"_self\" ><\/a>\n<div class=\"pt-cv-taxoterm above_title\"><a href='https:\/\/www.dmsjuridica.com\/buscador_20179478954\/corteconstitucionalcronologico202454587\/category\/buscar-en-toda-la-corte\/2013\/tutelas-2013\/' title='Tutelas 2013' class='pt-cv-tax-tutelas-2013'>Tutelas 2013<\/a><\/div>\n<h4 class=\"pt-cv-title\"><a href=\"https:\/\/www.dmsjuridica.com\/buscador_20179478954\/corteconstitucionalcronologico202454587\/t-786-13\/\" class=\"_self\" target=\"_self\" >T-786-13<\/a><\/h4>\n<div class=\"pt-cv-content\">\u00a0 \u00a0 \u00a0 \u00a0 \u00a0 \u00a0T-786-13 \u00a0 \u00a0 \u00a0 \u00a0 \u00a0 \u00a0\u00a0 CARENCIA ACTUAL DE OBJETO-Fen\u00f3meno que puede presentarse a partir de dos eventos \u00a0 que a su vez sugieren consecuencias distintas: hecho superado y da\u00f1o consumado \u00a0 \u00a0 Se presenta un hecho \u00a0 superado cuando los actos que amenazan o vulneran el derecho fundamental \u00a0 desaparecen, al quedar satisfecha la pretensi\u00f3n de la acci\u00f3n de tutela, lo que \u00a0 conlleva a que ya no exista un riesgo; por tanto la orden a impartir por parte \u00a0 del juez constitucional, en principio, pierde su raz\u00f3n de ser, porque no hay ...<br \/><div class=\"pt-cv-rmwrap\"><a href=\"https:\/\/www.dmsjuridica.com\/buscador_20179478954\/corteconstitucionalcronologico202454587\/t-786-13\/\" class=\"_self pt-cv-readmore btn btn-success\" target=\"_self\">Ver Sentencia Completa...<\/a><\/div><\/div><\/div><\/div>\n<div class=\"col-md-12 col-sm-12 col-xs-12 pt-cv-content-item pt-cv-1-col\" ><div class='pt-cv-ifield'><a href=\"https:\/\/www.dmsjuridica.com\/buscador_20179478954\/corteconstitucionalcronologico202454587\/t-785-13\/\" class=\"_self pt-cv-href-thumbnail pt-cv-thumb-default\" target=\"_self\" ><\/a>\n<div class=\"pt-cv-taxoterm above_title\"><a href='https:\/\/www.dmsjuridica.com\/buscador_20179478954\/corteconstitucionalcronologico202454587\/category\/buscar-en-toda-la-corte\/2013\/tutelas-2013\/' title='Tutelas 2013' class='pt-cv-tax-tutelas-2013'>Tutelas 2013<\/a><\/div>\n<h4 class=\"pt-cv-title\"><a href=\"https:\/\/www.dmsjuridica.com\/buscador_20179478954\/corteconstitucionalcronologico202454587\/t-785-13\/\" class=\"_self\" target=\"_self\" >T-785-13<\/a><\/h4>\n<div class=\"pt-cv-content\">\u00a0 \u00a0 \u00a0 \u00a0 \u00a0 \u00a0T-785-13 \u00a0 \u00a0 \u00a0 \u00a0 \u00a0 \u00a0\u00a0 Sentencia T-785\/13 \u00a0 \u00a0 ACCION DE TUTELA EN CONCURSO DE MERITOS-Procedencia excepcional \u00a0 cuando a pesar de existir otro medio de defensa judicial, \u00e9ste no resulta id\u00f3neo \u00a0 para evitar un perjuicio irremediable \u00a0 \u00a0 A juicio de esta Sala, los \u00a0 medios ordinarios de defensa judicial no son eficaces para dirimir la \u00a0 controversia que suscit\u00f3 la instauraci\u00f3n de las acciones de tutela de la \u00a0 referencia, motivo por el cual el juez constitucional puede pronunciarse de \u00a0 fondo sobre el asunto objeto de revisi\u00f3n, el cual ...<br \/><div class=\"pt-cv-rmwrap\"><a href=\"https:\/\/www.dmsjuridica.com\/buscador_20179478954\/corteconstitucionalcronologico202454587\/t-785-13\/\" class=\"_self pt-cv-readmore btn btn-success\" target=\"_self\">Ver Sentencia Completa...<\/a><\/div><\/div><\/div><\/div>\n<div class=\"col-md-12 col-sm-12 col-xs-12 pt-cv-content-item pt-cv-1-col\" ><div class='pt-cv-ifield'><a href=\"https:\/\/www.dmsjuridica.com\/buscador_20179478954\/corteconstitucionalcronologico202454587\/t-784-13\/\" class=\"_self pt-cv-href-thumbnail pt-cv-thumb-default\" target=\"_self\" ><\/a>\n<div class=\"pt-cv-taxoterm above_title\"><a href='https:\/\/www.dmsjuridica.com\/buscador_20179478954\/corteconstitucionalcronologico202454587\/category\/buscar-en-toda-la-corte\/2013\/tutelas-2013\/' title='Tutelas 2013' class='pt-cv-tax-tutelas-2013'>Tutelas 2013<\/a><\/div>\n<h4 class=\"pt-cv-title\"><a href=\"https:\/\/www.dmsjuridica.com\/buscador_20179478954\/corteconstitucionalcronologico202454587\/t-784-13\/\" class=\"_self\" target=\"_self\" >T-784-13<\/a><\/h4>\n<div class=\"pt-cv-content\">\u00a0 \u00a0 \u00a0 \u00a0 \u00a0 \u00a0T-784-13 \u00a0 \u00a0 \u00a0 \u00a0 \u00a0 \u00a0\u00a0 Sentencia T-784\/13 \u00a0 \u00a0\u00a0 ACCION DE \u00a0 TUTELA EN CONCURSO DE MERITOS-Procedencia excepcional cuando a pesar de \u00a0 existir otro medio de defensa judicial, \u00e9ste no resulta id\u00f3neo para evitar un \u00a0 perjuicio irremediable \u00a0 \u00a0 Aunque la \u00a0 jurisprudencia constitucional reconoce que existen otros mecanismo de defensa \u00a0 judicial, para satisfacer las pretensiones de quien considera que no fue \u00a0 nombrado en un cargo dentro de un concurso de m\u00e9ritos, se ha precisado que no \u00a0 siempre estos medios de defensa ordinarios resultan eficaces para proteger los ...<br \/><div class=\"pt-cv-rmwrap\"><a href=\"https:\/\/www.dmsjuridica.com\/buscador_20179478954\/corteconstitucionalcronologico202454587\/t-784-13\/\" class=\"_self pt-cv-readmore btn btn-success\" target=\"_self\">Ver Sentencia Completa...<\/a><\/div><\/div><\/div><\/div>\n<div class=\"col-md-12 col-sm-12 col-xs-12 pt-cv-content-item pt-cv-1-col\" ><div class='pt-cv-ifield'><a href=\"https:\/\/www.dmsjuridica.com\/buscador_20179478954\/corteconstitucionalcronologico202454587\/t-783-13\/\" class=\"_self pt-cv-href-thumbnail pt-cv-thumb-default\" target=\"_self\" ><\/a>\n<div class=\"pt-cv-taxoterm above_title\"><a href='https:\/\/www.dmsjuridica.com\/buscador_20179478954\/corteconstitucionalcronologico202454587\/category\/buscar-en-toda-la-corte\/2013\/tutelas-2013\/' title='Tutelas 2013' class='pt-cv-tax-tutelas-2013'>Tutelas 2013<\/a><\/div>\n<h4 class=\"pt-cv-title\"><a href=\"https:\/\/www.dmsjuridica.com\/buscador_20179478954\/corteconstitucionalcronologico202454587\/t-783-13\/\" class=\"_self\" target=\"_self\" >T-783-13<\/a><\/h4>\n<div class=\"pt-cv-content\">\u00a0 \u00a0 \u00a0 \u00a0 \u00a0 \u00a0T-783-13 \u00a0 \u00a0 \u00a0 \u00a0 \u00a0 \u00a0\u00a0 Sentencia T-783\/13 \u00a0 \u00a0 ACCION DE \u00a0 TUTELA CONTRA PARTICULARES QUE EJERCEN FUNCIONES PUBLICAS-Procedencia \u00a0 \u00a0 PRINCIPIO DE \u00a0 SUBSIDIARIEDAD DE LA ACCION DE TUTELA-Juez debe verificar si ante la \u00a0 existencia de otro medio de defensa judicial, \u00e9ste es eficaz e id\u00f3neo \u00a0 \u00a0 PRINCIPIO DE \u00a0 SUBSIDIARIEDAD-Excepciones \u00a0 \u00a0 PRINCIPIO DE \u00a0 SUBSIDIARIEDAD DE LA ACCION DE TUTELA-Procedencia excepcional como mecanismo \u00a0 transitorio para evitar un perjuicio irremediable \u00a0 \u00a0 CENTRO DE \u00a0 ARBITRAJE-Naturaleza y alcance de las funciones \u00a0 \u00a0 ESTATUTO DE \u00a0 ARBITRAJE NACIONAL ...<br \/><div class=\"pt-cv-rmwrap\"><a href=\"https:\/\/www.dmsjuridica.com\/buscador_20179478954\/corteconstitucionalcronologico202454587\/t-783-13\/\" class=\"_self pt-cv-readmore btn btn-success\" target=\"_self\">Ver Sentencia Completa...<\/a><\/div><\/div><\/div><\/div>\n<div class=\"col-md-12 col-sm-12 col-xs-12 pt-cv-content-item pt-cv-1-col\" ><div class='pt-cv-ifield'><a href=\"https:\/\/www.dmsjuridica.com\/buscador_20179478954\/corteconstitucionalcronologico202454587\/t-782-13\/\" class=\"_self pt-cv-href-thumbnail pt-cv-thumb-default\" target=\"_self\" ><\/a>\n<div class=\"pt-cv-taxoterm above_title\"><a href='https:\/\/www.dmsjuridica.com\/buscador_20179478954\/corteconstitucionalcronologico202454587\/category\/buscar-en-toda-la-corte\/2013\/tutelas-2013\/' title='Tutelas 2013' class='pt-cv-tax-tutelas-2013'>Tutelas 2013<\/a><\/div>\n<h4 class=\"pt-cv-title\"><a href=\"https:\/\/www.dmsjuridica.com\/buscador_20179478954\/corteconstitucionalcronologico202454587\/t-782-13\/\" class=\"_self\" target=\"_self\" >T-782-13<\/a><\/h4>\n<div class=\"pt-cv-content\">\u00a0 \u00a0 \u00a0 \u00a0 \u00a0 \u00a0T-782-13 \u00a0 \u00a0 \u00a0 \u00a0 \u00a0 \u00a0\u00a0 Sentencia T-782\/13 \u00a0 \u00a0 DERECHO FUNDAMENTAL A LA SALUD DE PERSONAS EN SITUACION \u00a0 DE DISCAPACIDAD-Procedencia de tutela \u00a0 \u00a0 Esta Corte ha establecido que la acci\u00f3n de tutela es un medio judicial \u00a0 procedente, eficaz e id\u00f3neo para exigir judicialmente el respeto al derecho a la \u00a0 salud, especialmente frente a grupos de poblaci\u00f3n que se hallen en \u00a0 circunstancias de debilidad manifiesta (inciso final art. 13 Const.), entre los \u00a0 que est\u00e1n los ni\u00f1os y ni\u00f1as, las personas de avanzada edad y quienes se \u00a0 encuentren ...<br \/><div class=\"pt-cv-rmwrap\"><a href=\"https:\/\/www.dmsjuridica.com\/buscador_20179478954\/corteconstitucionalcronologico202454587\/t-782-13\/\" class=\"_self pt-cv-readmore btn btn-success\" target=\"_self\">Ver Sentencia Completa...<\/a><\/div><\/div><\/div><\/div>\n<div class=\"col-md-12 col-sm-12 col-xs-12 pt-cv-content-item pt-cv-1-col\" ><div class='pt-cv-ifield'><a href=\"https:\/\/www.dmsjuridica.com\/buscador_20179478954\/corteconstitucionalcronologico202454587\/t-781-13\/\" class=\"_self pt-cv-href-thumbnail pt-cv-thumb-default\" target=\"_self\" ><\/a>\n<div class=\"pt-cv-taxoterm above_title\"><a href='https:\/\/www.dmsjuridica.com\/buscador_20179478954\/corteconstitucionalcronologico202454587\/category\/buscar-en-toda-la-corte\/2013\/tutelas-2013\/' title='Tutelas 2013' class='pt-cv-tax-tutelas-2013'>Tutelas 2013<\/a><\/div>\n<h4 class=\"pt-cv-title\"><a href=\"https:\/\/www.dmsjuridica.com\/buscador_20179478954\/corteconstitucionalcronologico202454587\/t-781-13\/\" class=\"_self\" target=\"_self\" >T-781-13<\/a><\/h4>\n<div class=\"pt-cv-content\">\u00a0 \u00a0 \u00a0 \u00a0 \u00a0 \u00a0T-781-13 \u00a0 \u00a0 \u00a0 \u00a0 \u00a0 \u00a0\u00a0 Sentencia T-781\/13 \u00a0 \u00a0 PROTECCION CONSTITUCIONAL DEL DERECHO FUNDAMENTAL A LA SALUD-Reiteraci\u00f3n \u00a0 de jurisprudencia\/PROTECCION ESPECIAL DEL DERECHO A LA SALUD DE PERSONAS EN \u00a0 CIRCUNSTANCIAS DE DEBILIDAD MANIFIESTA-Reiteraci\u00f3n de jurisprudencia \u00a0 \u00a0 El derecho constitucional a la salud, \u00a0 reiterativamente asumido como fundamental por esta Corporaci\u00f3n es pasible de ser \u00a0 amparado mediante acci\u00f3n de tutela, en particular cuando se trate de (i) falta \u00a0 de reconocimiento de prestaciones incluidas en los planes obligatorios, siempre \u00a0 que su negativa no se haya fundamentado en un criterio estrictamente ...<br \/><div class=\"pt-cv-rmwrap\"><a href=\"https:\/\/www.dmsjuridica.com\/buscador_20179478954\/corteconstitucionalcronologico202454587\/t-781-13\/\" class=\"_self pt-cv-readmore btn btn-success\" target=\"_self\">Ver Sentencia Completa...<\/a><\/div><\/div><\/div><\/div>\n<div class=\"col-md-12 col-sm-12 col-xs-12 pt-cv-content-item pt-cv-1-col\" ><div class='pt-cv-ifield'><a href=\"https:\/\/www.dmsjuridica.com\/buscador_20179478954\/corteconstitucionalcronologico202454587\/t-780-13\/\" class=\"_self pt-cv-href-thumbnail pt-cv-thumb-default\" target=\"_self\" ><\/a>\n<div class=\"pt-cv-taxoterm above_title\"><a href='https:\/\/www.dmsjuridica.com\/buscador_20179478954\/corteconstitucionalcronologico202454587\/category\/buscar-en-toda-la-corte\/2013\/tutelas-2013\/' title='Tutelas 2013' class='pt-cv-tax-tutelas-2013'>Tutelas 2013<\/a><\/div>\n<h4 class=\"pt-cv-title\"><a href=\"https:\/\/www.dmsjuridica.com\/buscador_20179478954\/corteconstitucionalcronologico202454587\/t-780-13\/\" class=\"_self\" target=\"_self\" >T-780-13<\/a><\/h4>\n<div class=\"pt-cv-content\">\u00a0 \u00a0 \u00a0 \u00a0 \u00a0 \u00a0T-780-13 \u00a0 \u00a0 \u00a0 \u00a0 \u00a0 \u00a0\u00a0 Sentencia T-780\/13 \u00a0 \u00a0 LEGITIMACION POR ACTIVA EN TUTELA-Cualquier persona puede \u00a0 interponer acci\u00f3n de tutela ante vulneraci\u00f3n o amenaza de los derechos \u00a0 fundamentales \u00a0 \u00a0 CUBRIMIENTO DE GASTOS DE TRANSPORTE PARA PACIENTE Y ACOMPA\u00d1ANTE POR \u00a0 EPS-Reglas jurisprudenciales \u00a0 \u00a0 Ser\u00e1 \u00a0 procedente la acci\u00f3n de amparo para solicitar el traslado en ambulancia o en \u00a0 otro veh\u00edculo, seg\u00fan el caso, cuando se acredite: (i) Que la atenci\u00f3n tenga que \u00a0 ser prestada en un lugar distinto al del domicilio del paciente. (ii) Que el \u00a0 ...<br \/><div class=\"pt-cv-rmwrap\"><a href=\"https:\/\/www.dmsjuridica.com\/buscador_20179478954\/corteconstitucionalcronologico202454587\/t-780-13\/\" class=\"_self pt-cv-readmore btn btn-success\" target=\"_self\">Ver Sentencia Completa...<\/a><\/div><\/div><\/div><\/div>\n<div class=\"col-md-12 col-sm-12 col-xs-12 pt-cv-content-item pt-cv-1-col\" ><div class='pt-cv-ifield'><a href=\"https:\/\/www.dmsjuridica.com\/buscador_20179478954\/corteconstitucionalcronologico202454587\/t-779-13\/\" class=\"_self pt-cv-href-thumbnail pt-cv-thumb-default\" target=\"_self\" ><\/a>\n<div class=\"pt-cv-taxoterm above_title\"><a href='https:\/\/www.dmsjuridica.com\/buscador_20179478954\/corteconstitucionalcronologico202454587\/category\/buscar-en-toda-la-corte\/2013\/tutelas-2013\/' title='Tutelas 2013' class='pt-cv-tax-tutelas-2013'>Tutelas 2013<\/a><\/div>\n<h4 class=\"pt-cv-title\"><a href=\"https:\/\/www.dmsjuridica.com\/buscador_20179478954\/corteconstitucionalcronologico202454587\/t-779-13\/\" class=\"_self\" target=\"_self\" >T-779-13<\/a><\/h4>\n<div class=\"pt-cv-content\">\u00a0 \u00a0 \u00a0 \u00a0 \u00a0 \u00a0T-779-13 \u00a0 \u00a0 \u00a0 \u00a0 \u00a0 \u00a0\u00a0 Sentencia T-779\/13 \u00a0 \u00a0 ACCION DE TUTELA PARA PROTEGER EL \u00a0 DERECHO FUNDAMENTAL A LA SEGURIDAD SOCIAL CUANDO SU AFECTACION SE DERIVA DEL \u00a0 RECONOCIMIENTO DE UNA PENSION-Reiteraci\u00f3n \u00a0 de jurisprudencia \u00a0 \u00a0 PENSION DE SOBREVIVIENTES Y REQUISITO \u00a0 DE FIDELIDAD-Desconocimiento del \u00a0 precedente vulnera derechos fundamentales \u00a0 \u00a0 REQUISITO DE FIDELIDAD-Inaplicaci\u00f3n por considerarse abiertamente \u00a0 inconstitucional y claramente regresivo \u00a0 \u00a0 CARENCIA ACTUAL DE OBJETO POR HECHO SUPERADO-Caso \u00a0 en que se reconoci\u00f3 pensi\u00f3n de sobrevivientes de hijo fallecido \u00a0 \u00a0 Referencia: \u00a0 expediente T-3.782.142 \u00a0 \u00a0 ...<br \/><div class=\"pt-cv-rmwrap\"><a href=\"https:\/\/www.dmsjuridica.com\/buscador_20179478954\/corteconstitucionalcronologico202454587\/t-779-13\/\" class=\"_self pt-cv-readmore btn btn-success\" target=\"_self\">Ver Sentencia Completa...<\/a><\/div><\/div><\/div><\/div>\n<div class=\"col-md-12 col-sm-12 col-xs-12 pt-cv-content-item pt-cv-1-col\" ><div class='pt-cv-ifield'><a href=\"https:\/\/www.dmsjuridica.com\/buscador_20179478954\/corteconstitucionalcronologico202454587\/t-778-13\/\" class=\"_self pt-cv-href-thumbnail pt-cv-thumb-default\" target=\"_self\" ><\/a>\n<div class=\"pt-cv-taxoterm above_title\"><a href='https:\/\/www.dmsjuridica.com\/buscador_20179478954\/corteconstitucionalcronologico202454587\/category\/buscar-en-toda-la-corte\/2013\/tutelas-2013\/' title='Tutelas 2013' class='pt-cv-tax-tutelas-2013'>Tutelas 2013<\/a><\/div>\n<h4 class=\"pt-cv-title\"><a href=\"https:\/\/www.dmsjuridica.com\/buscador_20179478954\/corteconstitucionalcronologico202454587\/t-778-13\/\" class=\"_self\" target=\"_self\" >T-778-13<\/a><\/h4>\n<div class=\"pt-cv-content\">\u00a0 \u00a0 \u00a0 \u00a0 \u00a0 \u00a0T-778-13 \u00a0 \u00a0 \u00a0 \u00a0 \u00a0 \u00a0\u00a0 DERECHO A LA SALUD DE NI\u00d1OS Y NI\u00d1AS EN \u00a0 SITUACION DE DISCAPACIDAD Y PRINCIPIO DE INTEGRALIDAD-Protecci\u00f3n constitucional \u00a0 \u00a0 MEDICO TRATANTE-Concepto del m\u00e9dico \u00a0 tratante no adscrito a la EPS resulta vinculante \u00a0 \u00a0 PRESTACION DE TRATAMIENTOS Y \u00a0 MEDICAMENTOS NO INCLUIDOS EN EL POS-La \u00a0 EPS no est\u00e1 autorizada a rechazar de manera absoluta y sin fundamento \u00a0 cient\u00edfico, el concepto de un m\u00e9dico no adscrito a su entidad \u00a0 \u00a0 Siempre que una entidad de salud tenga conocimiento de un concepto \u00a0 emitido por un ...<br \/><div class=\"pt-cv-rmwrap\"><a href=\"https:\/\/www.dmsjuridica.com\/buscador_20179478954\/corteconstitucionalcronologico202454587\/t-778-13\/\" class=\"_self pt-cv-readmore btn btn-success\" target=\"_self\">Ver Sentencia Completa...<\/a><\/div><\/div><\/div><\/div>\n<div class=\"col-md-12 col-sm-12 col-xs-12 pt-cv-content-item pt-cv-1-col\" ><div class='pt-cv-ifield'><a href=\"https:\/\/www.dmsjuridica.com\/buscador_20179478954\/corteconstitucionalcronologico202454587\/t-777-13\/\" class=\"_self pt-cv-href-thumbnail pt-cv-thumb-default\" target=\"_self\" ><\/a>\n<div class=\"pt-cv-taxoterm above_title\"><a href='https:\/\/www.dmsjuridica.com\/buscador_20179478954\/corteconstitucionalcronologico202454587\/category\/buscar-en-toda-la-corte\/2013\/tutelas-2013\/' title='Tutelas 2013' class='pt-cv-tax-tutelas-2013'>Tutelas 2013<\/a><\/div>\n<h4 class=\"pt-cv-title\"><a href=\"https:\/\/www.dmsjuridica.com\/buscador_20179478954\/corteconstitucionalcronologico202454587\/t-777-13\/\" class=\"_self\" target=\"_self\" >T-777-13<\/a><\/h4>\n<div class=\"pt-cv-content\">\u00a0 \u00a0 \u00a0 \u00a0 \u00a0 \u00a0T-777-13 \u00a0 \u00a0 \u00a0 \u00a0 \u00a0 \u00a0\u00a0 Sentencia T-777\/13 \u00a0 \u00a0 DERECHO AL PAGO DE INCAPACIDAD LABORAL-Procedencia \u00a0 de tutela cuando afecta m\u00ednimo vital del trabajador y su familia \u00a0 \u00a0 INCAPACIDAD LABORAL SUPERIOR A 180 \u00a0 DIAS-Normatividad y jurisprudencia \u00a0 \u00a0 INCAPACIDAD TEMPORAL EN EL SISTEMA DE \u00a0 RIESGOS PROFESIONALES-Definici\u00f3n \u00a0 legal\/INCAPACIDAD PERMANENTE PARCIAL EN EL SISTEMA GENERAL DE RIESGOS \u00a0 PROFESIONALES-Definici\u00f3n legal \u00a0 \u00a0 ACCION DE TUTELA CONTRA ADMINISTRADORA DE RIESGOS \u00a0 LABORALES-Improcedencia por no \u00a0 vulneraci\u00f3n del m\u00ednimo vital ya que reconoci\u00f3 incapacidades laborales por un \u00a0 lapso superior al se\u00f1alado en ...<br \/><div class=\"pt-cv-rmwrap\"><a href=\"https:\/\/www.dmsjuridica.com\/buscador_20179478954\/corteconstitucionalcronologico202454587\/t-777-13\/\" class=\"_self pt-cv-readmore btn btn-success\" target=\"_self\">Ver Sentencia Completa...<\/a><\/div><\/div><\/div><\/div>\n<div class=\"col-md-12 col-sm-12 col-xs-12 pt-cv-content-item pt-cv-1-col\" ><div class='pt-cv-ifield'><a href=\"https:\/\/www.dmsjuridica.com\/buscador_20179478954\/corteconstitucionalcronologico202454587\/t-776-13\/\" class=\"_self pt-cv-href-thumbnail pt-cv-thumb-default\" target=\"_self\" ><\/a>\n<div class=\"pt-cv-taxoterm above_title\"><a href='https:\/\/www.dmsjuridica.com\/buscador_20179478954\/corteconstitucionalcronologico202454587\/category\/buscar-en-toda-la-corte\/2013\/tutelas-2013\/' title='Tutelas 2013' class='pt-cv-tax-tutelas-2013'>Tutelas 2013<\/a><\/div>\n<h4 class=\"pt-cv-title\"><a href=\"https:\/\/www.dmsjuridica.com\/buscador_20179478954\/corteconstitucionalcronologico202454587\/t-776-13\/\" class=\"_self\" target=\"_self\" >T-776-13<\/a><\/h4>\n<div class=\"pt-cv-content\">\u00a0 \u00a0 \u00a0 \u00a0 \u00a0 \u00a0T-776-13 \u00a0 \u00a0 \u00a0 \u00a0 \u00a0 \u00a0\u00a0 Sentencia \u00a0 T-776\/13 \u00a0 \u00a0 ACCION DE \u00a0 TUTELA PARA INDEXACION DE LA PRIMERA MESADA PENSIONAL-Reiteraci\u00f3n de \u00a0 jurisprudencia sobre requisitos y condiciones necesarias para su procedencia \u00a0 \u00a0 La Corte Constitucional ha sostenido que la acci\u00f3n de \u00a0 tutela es procedente en forma excepcional para resolver controversias \u00a0 relacionadas con la actualizaci\u00f3n de la primera mesada pensional. Cuando la \u00a0 tutela se interpone directamente en contra de la entidad encargada de reconocer \u00a0 el derecho pensional, la jurisprudencia de esta Corporaci\u00f3n ha se\u00f1alado que la \u00a0 procedencia ...<br \/><div class=\"pt-cv-rmwrap\"><a href=\"https:\/\/www.dmsjuridica.com\/buscador_20179478954\/corteconstitucionalcronologico202454587\/t-776-13\/\" class=\"_self pt-cv-readmore btn btn-success\" target=\"_self\">Ver Sentencia Completa...<\/a><\/div><\/div><\/div><\/div>\n<div class=\"col-md-12 col-sm-12 col-xs-12 pt-cv-content-item pt-cv-1-col\" ><div class='pt-cv-ifield'><a href=\"https:\/\/www.dmsjuridica.com\/buscador_20179478954\/corteconstitucionalcronologico202454587\/t-775-13\/\" class=\"_self pt-cv-href-thumbnail pt-cv-thumb-default\" target=\"_self\" ><\/a>\n<div class=\"pt-cv-taxoterm above_title\"><a href='https:\/\/www.dmsjuridica.com\/buscador_20179478954\/corteconstitucionalcronologico202454587\/category\/buscar-en-toda-la-corte\/2013\/tutelas-2013\/' title='Tutelas 2013' class='pt-cv-tax-tutelas-2013'>Tutelas 2013<\/a><\/div>\n<h4 class=\"pt-cv-title\"><a href=\"https:\/\/www.dmsjuridica.com\/buscador_20179478954\/corteconstitucionalcronologico202454587\/t-775-13\/\" class=\"_self\" target=\"_self\" >T-775-13<\/a><\/h4>\n<div class=\"pt-cv-content\">\u00a0 \u00a0 \u00a0 \u00a0 \u00a0 \u00a0T-775-13 \u00a0 \u00a0 \u00a0 \u00a0 \u00a0 \u00a0\u00a0 Sentencia T-775\/13 \u00a0 \u00a0\u00a0 ACCION DE TUTELA EN CONCURSO DE \u00a0 MERITOS-Procedencia excepcional cuando \u00a0 a pesar de existir otro medio de defensa judicial, \u00e9ste no resulta id\u00f3neo para \u00a0 evitar un perjuicio irremediable \u00a0 \u00a0 DEBIDO PROCESO ADMINISTRATIVO EN \u00a0 CONCURSO DE MERITOS-Convocatoria como \u00a0 ley del concurso \u00a0 \u00a0 DERECHO AL DEBIDO PROCESO, A LA \u00a0 IGUALDAD Y AL TRABAJO-No vulneraci\u00f3n \u00a0 en concurso para cargo en entidad del Estado, por cuanto en la convocatoria no \u00a0 se defini\u00f3 que se nombrar\u00eda al primero de mejor ...<br \/><div class=\"pt-cv-rmwrap\"><a href=\"https:\/\/www.dmsjuridica.com\/buscador_20179478954\/corteconstitucionalcronologico202454587\/t-775-13\/\" class=\"_self pt-cv-readmore btn btn-success\" target=\"_self\">Ver Sentencia Completa...<\/a><\/div><\/div><\/div><\/div>\n<div class=\"col-md-12 col-sm-12 col-xs-12 pt-cv-content-item pt-cv-1-col\" ><div class='pt-cv-ifield'><a href=\"https:\/\/www.dmsjuridica.com\/buscador_20179478954\/corteconstitucionalcronologico202454587\/t-774-13\/\" class=\"_self pt-cv-href-thumbnail pt-cv-thumb-default\" target=\"_self\" ><\/a>\n<div class=\"pt-cv-taxoterm above_title\"><a href='https:\/\/www.dmsjuridica.com\/buscador_20179478954\/corteconstitucionalcronologico202454587\/category\/buscar-en-toda-la-corte\/2013\/tutelas-2013\/' title='Tutelas 2013' class='pt-cv-tax-tutelas-2013'>Tutelas 2013<\/a><\/div>\n<h4 class=\"pt-cv-title\"><a href=\"https:\/\/www.dmsjuridica.com\/buscador_20179478954\/corteconstitucionalcronologico202454587\/t-774-13\/\" class=\"_self\" target=\"_self\" >T-774-13<\/a><\/h4>\n<div class=\"pt-cv-content\">\u00a0 \u00a0 \u00a0 \u00a0 \u00a0 \u00a0T-774-13 \u00a0 \u00a0 \u00a0 \u00a0 \u00a0 \u00a0\u00a0 Sentencia T-774\/13 \u00a0 \u00a0 AGENCIA \u00a0 OFICIOSA DE PERSONAS QUE SE ENCUENTRAN PRESTANDO SERVICIO MILITAR OBLIGATORIO-Requisitos \u00a0 para determinar la legitimidad del padre o madre del hijo que presta el servicio \u00a0 militar \u00a0 \u00a0 SERVICIO MILITAR OBLIGATORIO EN \u00a0 CALIDAD DE SOLDADO BACHILLER-Marco normativo y jurisprudencial \u00a0 \u00a0 La Constituci\u00f3n Pol\u00edtica en el art\u00edculo 216 habilit\u00f3 expresamente al Legislador \u00a0 para reglamentar las condiciones, prerrogativas y exenciones de la prestaci\u00f3n \u00a0 del servicio militar obligatorio, por esto, en desarrollo de tal potestad \u00a0 constitucional, el Legislador expidi\u00f3 ...<br \/><div class=\"pt-cv-rmwrap\"><a href=\"https:\/\/www.dmsjuridica.com\/buscador_20179478954\/corteconstitucionalcronologico202454587\/t-774-13\/\" class=\"_self pt-cv-readmore btn btn-success\" target=\"_self\">Ver Sentencia Completa...<\/a><\/div><\/div><\/div><\/div>\n<div class=\"col-md-12 col-sm-12 col-xs-12 pt-cv-content-item pt-cv-1-col\" ><div class='pt-cv-ifield'><a href=\"https:\/\/www.dmsjuridica.com\/buscador_20179478954\/corteconstitucionalcronologico202454587\/t-773-13\/\" class=\"_self pt-cv-href-thumbnail pt-cv-thumb-default\" target=\"_self\" ><\/a>\n<div class=\"pt-cv-taxoterm above_title\"><a href='https:\/\/www.dmsjuridica.com\/buscador_20179478954\/corteconstitucionalcronologico202454587\/category\/buscar-en-toda-la-corte\/2013\/tutelas-2013\/' title='Tutelas 2013' class='pt-cv-tax-tutelas-2013'>Tutelas 2013<\/a><\/div>\n<h4 class=\"pt-cv-title\"><a href=\"https:\/\/www.dmsjuridica.com\/buscador_20179478954\/corteconstitucionalcronologico202454587\/t-773-13\/\" class=\"_self\" target=\"_self\" >T-773-13<\/a><\/h4>\n<div class=\"pt-cv-content\">\u00a0 \u00a0 \u00a0 \u00a0 \u00a0 \u00a0T-773-13 \u00a0 \u00a0 \u00a0 \u00a0 \u00a0 \u00a0\u00a0 Sentencia T-773\/13 \u00a0 \u00a0 ACCION DE \u00a0 TUTELA PARA OBTENER REINTEGRO LABORAL DE TRABAJADOR DISCAPACITADO QUE GOCE DE \u00a0 ESTABILIDAD LABORAL REFORZADA-Procedencia excepcional \u00a0 \u00a0 Cuando se solicita la \u00a0 protecci\u00f3n de los derechos fundamentales de sujetos de especial \u00a0 protecci\u00f3n constitucional como las mujeres en estado de embarazo, trabajadores \u00a0 aforados, trabajadores discapacitados o que se \u00a0 encuentran en circunstancias de debilidad manifiesta por presentar disminuciones \u00a0 f\u00edsicas, s\u00edquicas o sensoriales, la Corte Constitucional ha sostenido que resulta procedente la acci\u00f3n de tutela. \u00a0 Esto, por tratarse ...<br \/><div class=\"pt-cv-rmwrap\"><a href=\"https:\/\/www.dmsjuridica.com\/buscador_20179478954\/corteconstitucionalcronologico202454587\/t-773-13\/\" class=\"_self pt-cv-readmore btn btn-success\" target=\"_self\">Ver Sentencia Completa...<\/a><\/div><\/div><\/div><\/div>\n<div class=\"col-md-12 col-sm-12 col-xs-12 pt-cv-content-item pt-cv-1-col\" ><div class='pt-cv-ifield'><a href=\"https:\/\/www.dmsjuridica.com\/buscador_20179478954\/corteconstitucionalcronologico202454587\/t-772-13\/\" class=\"_self pt-cv-href-thumbnail pt-cv-thumb-default\" target=\"_self\" ><\/a>\n<div class=\"pt-cv-taxoterm above_title\"><a href='https:\/\/www.dmsjuridica.com\/buscador_20179478954\/corteconstitucionalcronologico202454587\/category\/buscar-en-toda-la-corte\/2013\/tutelas-2013\/' title='Tutelas 2013' class='pt-cv-tax-tutelas-2013'>Tutelas 2013<\/a><\/div>\n<h4 class=\"pt-cv-title\"><a href=\"https:\/\/www.dmsjuridica.com\/buscador_20179478954\/corteconstitucionalcronologico202454587\/t-772-13\/\" class=\"_self\" target=\"_self\" >T-772-13<\/a><\/h4>\n<div class=\"pt-cv-content\">\u00a0 \u00a0 \u00a0 \u00a0 \u00a0 \u00a0T-772-13 \u00a0 \u00a0 \u00a0 \u00a0 \u00a0 \u00a0\u00a0 Sentencia T-772\/13 \u00a0 \u00a0 ACCION DE TUTELA \u00a0 PARA CONTROVERTIR ACTOS ADMINISTRATIVOS QUE ORDENAN TRASLADOS LABORALES-Procedencia \u00a0 excepcional cuando afecta derechos fundamentales \u00a0 \u00a0 Cuando se reclama \u00a0 espec\u00edficamente la protecci\u00f3n de los derechos fundamentales de una persona \u00a0 debido a su presunta vulneraci\u00f3n con ocasi\u00f3n de un traslado \u00a0 efectuado en ejercicio del ius variandi, la Corte \u00a0 Constitucional ha sostenido que la acci\u00f3n de tutela no es el mecanismo de \u00a0 defensa principal en tanto existe otro medio judicial de defensa en la \u00a0 jurisdicci\u00f3n contenciosa ...<br \/><div class=\"pt-cv-rmwrap\"><a href=\"https:\/\/www.dmsjuridica.com\/buscador_20179478954\/corteconstitucionalcronologico202454587\/t-772-13\/\" class=\"_self pt-cv-readmore btn btn-success\" target=\"_self\">Ver Sentencia Completa...<\/a><\/div><\/div><\/div><\/div>\n<div class=\"col-md-12 col-sm-12 col-xs-12 pt-cv-content-item pt-cv-1-col\" ><div class='pt-cv-ifield'><a href=\"https:\/\/www.dmsjuridica.com\/buscador_20179478954\/corteconstitucionalcronologico202454587\/t-771-13\/\" class=\"_self pt-cv-href-thumbnail pt-cv-thumb-default\" target=\"_self\" ><\/a>\n<div class=\"pt-cv-taxoterm above_title\"><a href='https:\/\/www.dmsjuridica.com\/buscador_20179478954\/corteconstitucionalcronologico202454587\/category\/buscar-en-toda-la-corte\/2013\/tutelas-2013\/' title='Tutelas 2013' class='pt-cv-tax-tutelas-2013'>Tutelas 2013<\/a><\/div>\n<h4 class=\"pt-cv-title\"><a href=\"https:\/\/www.dmsjuridica.com\/buscador_20179478954\/corteconstitucionalcronologico202454587\/t-771-13\/\" class=\"_self\" target=\"_self\" >T-771-13<\/a><\/h4>\n<div class=\"pt-cv-content\">\u00a0 \u00a0 \u00a0 \u00a0 \u00a0 \u00a0T-771-13 \u00a0 \u00a0 \u00a0 \u00a0 \u00a0 \u00a0\u00a0 Sentencia T-771\/13 \u00a0 \u00a0 PERSONAS TRANSGENERO-Definici\u00f3n\/PERSONAS TRANSGENERO-Incluye personas \u00a0 transexuales, transg\u00e9nero, travestidos, interg\u00e9nero, transformistas, drag Queens \u00a0 y drag kings \u00a0 \u00a0 El t\u00e9rmino transg\u00e9nero constituye una denominaci\u00f3n gen\u00e9rica con el que se ha \u00a0 designado a aquellas personas cuya identidad de g\u00e9nero y\/o sexual es diferente a \u00a0 las expectativas convencionales basadas en las caracter\u00edsticas f\u00edsicas sexuales \u00a0 o el sexo que les fue asignado al nacer. El t\u00e9rmino es gen\u00e9rico toda vez que es \u00a0 empleado para describir una pluralidad de expresiones, experiencias e \u00a0 identidades, ...<br \/><div class=\"pt-cv-rmwrap\"><a href=\"https:\/\/www.dmsjuridica.com\/buscador_20179478954\/corteconstitucionalcronologico202454587\/t-771-13\/\" class=\"_self pt-cv-readmore btn btn-success\" target=\"_self\">Ver Sentencia Completa...<\/a><\/div><\/div><\/div><\/div>\n<div class=\"col-md-12 col-sm-12 col-xs-12 pt-cv-content-item pt-cv-1-col\" ><div class='pt-cv-ifield'><a href=\"https:\/\/www.dmsjuridica.com\/buscador_20179478954\/corteconstitucionalcronologico202454587\/t-770-13\/\" class=\"_self pt-cv-href-thumbnail pt-cv-thumb-default\" target=\"_self\" ><\/a>\n<div class=\"pt-cv-taxoterm above_title\"><a href='https:\/\/www.dmsjuridica.com\/buscador_20179478954\/corteconstitucionalcronologico202454587\/category\/buscar-en-toda-la-corte\/2013\/tutelas-2013\/' title='Tutelas 2013' class='pt-cv-tax-tutelas-2013'>Tutelas 2013<\/a><\/div>\n<h4 class=\"pt-cv-title\"><a href=\"https:\/\/www.dmsjuridica.com\/buscador_20179478954\/corteconstitucionalcronologico202454587\/t-770-13\/\" class=\"_self\" target=\"_self\" >T-770-13<\/a><\/h4>\n<div class=\"pt-cv-content\">\u00a0 \u00a0 \u00a0 \u00a0 \u00a0 \u00a0T-770-13 \u00a0 \u00a0 \u00a0 \u00a0 \u00a0 \u00a0\u00a0 Sentencia T-770\/13 \u00a0 \u00a0 PRINCIPIO DE SOLIDARIDAD Y DEBER DE SOLIDARIDAD-Concepto \u00a0 \u00a0 La \u00a0 Constituci\u00f3n Pol\u00edtica de 1991 consagr\u00f3 la seguridad social en su art\u00edculo \u00a0 48 desde una doble connotaci\u00f3n: como un servicio p\u00fablico que se presta bajo la \u00a0 direcci\u00f3n, coordinaci\u00f3n y control del Estado, el cual debe responder a los \u00a0 principios de eficiencia, universalidad y solidaridad; y como un derecho \u00a0 fundamental irrenunciable en cabeza de todos los ciudadanos. La Sala Plena de \u00a0 esta Corte, a su vez, ha definido la seguridad ...<br \/><div class=\"pt-cv-rmwrap\"><a href=\"https:\/\/www.dmsjuridica.com\/buscador_20179478954\/corteconstitucionalcronologico202454587\/t-770-13\/\" class=\"_self pt-cv-readmore btn btn-success\" target=\"_self\">Ver Sentencia Completa...<\/a><\/div><\/div><\/div><\/div>\n<div class=\"col-md-12 col-sm-12 col-xs-12 pt-cv-content-item pt-cv-1-col\" ><div class='pt-cv-ifield'><a href=\"https:\/\/www.dmsjuridica.com\/buscador_20179478954\/corteconstitucionalcronologico202454587\/t-769-13\/\" class=\"_self pt-cv-href-thumbnail pt-cv-thumb-default\" target=\"_self\" ><\/a>\n<div class=\"pt-cv-taxoterm above_title\"><a href='https:\/\/www.dmsjuridica.com\/buscador_20179478954\/corteconstitucionalcronologico202454587\/category\/buscar-en-toda-la-corte\/2013\/tutelas-2013\/' title='Tutelas 2013' class='pt-cv-tax-tutelas-2013'>Tutelas 2013<\/a><\/div>\n<h4 class=\"pt-cv-title\"><a href=\"https:\/\/www.dmsjuridica.com\/buscador_20179478954\/corteconstitucionalcronologico202454587\/t-769-13\/\" class=\"_self\" target=\"_self\" >T-769-13<\/a><\/h4>\n<div class=\"pt-cv-content\">\u00a0 \u00a0 \u00a0 \u00a0 \u00a0 \u00a0T-769-13 \u00a0 \u00a0 \u00a0 \u00a0 \u00a0 \u00a0\u00a0 Sentencia T-769\/13 \u00a0 \u00a0 PERSONAS EN SITUACION DE DISCAPACIDAD-Acceso y garant\u00eda del derecho a la salud \u00a0 \u00a0 Las personas con discapacidad cuentan con una protecci\u00f3n reforzada en materia de \u00a0 salud. Este trato preferencial positivo tiene origen constitucional y busca \u00a0 amparar a aquellas personas que por su condici\u00f3n de debilidad f\u00edsica o mental \u00a0 son m\u00e1s vulnerables, para que tengan una vida en condiciones dignas y la \u00a0 posibilidad de realizar plenamente sus derechos. \u00a0 \u00a0 SUMINISTRO DE MEDICAMENTOS, TRATAMIENTOS Y PROCEDIMIENTOS EXCLUIDOS DEL POS-Requisitos \u00a0 ...<br \/><div class=\"pt-cv-rmwrap\"><a href=\"https:\/\/www.dmsjuridica.com\/buscador_20179478954\/corteconstitucionalcronologico202454587\/t-769-13\/\" class=\"_self pt-cv-readmore btn btn-success\" target=\"_self\">Ver Sentencia Completa...<\/a><\/div><\/div><\/div><\/div>\n<div class=\"col-md-12 col-sm-12 col-xs-12 pt-cv-content-item pt-cv-1-col\" ><div class='pt-cv-ifield'><a href=\"https:\/\/www.dmsjuridica.com\/buscador_20179478954\/corteconstitucionalcronologico202454587\/t-768-13\/\" class=\"_self pt-cv-href-thumbnail pt-cv-thumb-default\" target=\"_self\" ><\/a>\n<div class=\"pt-cv-taxoterm above_title\"><a href='https:\/\/www.dmsjuridica.com\/buscador_20179478954\/corteconstitucionalcronologico202454587\/category\/buscar-en-toda-la-corte\/2013\/tutelas-2013\/' title='Tutelas 2013' class='pt-cv-tax-tutelas-2013'>Tutelas 2013<\/a><\/div>\n<h4 class=\"pt-cv-title\"><a href=\"https:\/\/www.dmsjuridica.com\/buscador_20179478954\/corteconstitucionalcronologico202454587\/t-768-13\/\" class=\"_self\" target=\"_self\" >T-768-13<\/a><\/h4>\n<div class=\"pt-cv-content\">\u00a0 \u00a0 \u00a0 \u00a0 \u00a0 \u00a0T-768-13 \u00a0 \u00a0 \u00a0 \u00a0 \u00a0 \u00a0\u00a0 Sentencia \u00a0 T-768\/13 \u00a0 \u00a0 DERECHO DE LOS NI\u00d1OS, NI\u00d1AS Y ADOLESCENTES A TENER UNA FAMILIA Y A NO SER \u00a0 SEPARADOS DE ELLA-Prevalencia \u00a0 como expresi\u00f3n del principio del inter\u00e9s superior \u00a0 \u00a0 DERECHO FUNDAMENTAL DE LOS NI\u00d1OS A TENER UNA FAMILIA Y NO SER SEPARADOS DE ELLA-Obligaci\u00f3n de la \u00a0 familia, la sociedad y el Estado asistir y proteger al ni\u00f1o para garantizar su \u00a0 desarrollo arm\u00f3nico e integral \u00a0 \u00a0 La protecci\u00f3n \u00a0 especial de los derechos de los ni\u00f1os y la prevalencia de \u00e9stos, ...<br \/><div class=\"pt-cv-rmwrap\"><a href=\"https:\/\/www.dmsjuridica.com\/buscador_20179478954\/corteconstitucionalcronologico202454587\/t-768-13\/\" class=\"_self pt-cv-readmore btn btn-success\" target=\"_self\">Ver Sentencia Completa...<\/a><\/div><\/div><\/div><\/div>\n<div class=\"col-md-12 col-sm-12 col-xs-12 pt-cv-content-item pt-cv-1-col\" ><div class='pt-cv-ifield'><a href=\"https:\/\/www.dmsjuridica.com\/buscador_20179478954\/corteconstitucionalcronologico202454587\/t-767-13\/\" class=\"_self pt-cv-href-thumbnail pt-cv-thumb-default\" target=\"_self\" ><\/a>\n<div class=\"pt-cv-taxoterm above_title\"><a href='https:\/\/www.dmsjuridica.com\/buscador_20179478954\/corteconstitucionalcronologico202454587\/category\/buscar-en-toda-la-corte\/2013\/tutelas-2013\/' title='Tutelas 2013' class='pt-cv-tax-tutelas-2013'>Tutelas 2013<\/a><\/div>\n<h4 class=\"pt-cv-title\"><a href=\"https:\/\/www.dmsjuridica.com\/buscador_20179478954\/corteconstitucionalcronologico202454587\/t-767-13\/\" class=\"_self\" target=\"_self\" >T-767-13<\/a><\/h4>\n<div class=\"pt-cv-content\">\u00a0 \u00a0 \u00a0 \u00a0 \u00a0 \u00a0T-767-13 \u00a0 \u00a0 \u00a0 \u00a0 \u00a0 \u00a0\u00a0 Sentencia T-767\/13 \u00a0 \u00a0 AGENCIA OFICIOSA EN PROCESOS DE TUTELA-Principios fundamentales \u00a0 \u00a0 La\u00a0 agencia oficiosa, figura jur\u00eddica que ha sido fortalecida por esta \u00a0 Corporaci\u00f3n con base en tres principios constitucionales: (i) el principio de \u00a0 eficacia de los derechos fundamentales, el cual implica la ampliaci\u00f3n de los \u00a0 mecanismos institucionales para realizar efectivamente las garant\u00edas a favor de \u00a0 las personas; (ii) el principio del derecho sustancial sobre las formas, que se \u00a0 encuentra en consonancia con el principio de justicia material, y que se refiere ...<br \/><div class=\"pt-cv-rmwrap\"><a href=\"https:\/\/www.dmsjuridica.com\/buscador_20179478954\/corteconstitucionalcronologico202454587\/t-767-13\/\" class=\"_self pt-cv-readmore btn btn-success\" target=\"_self\">Ver Sentencia Completa...<\/a><\/div><\/div><\/div><\/div>\n<div class=\"col-md-12 col-sm-12 col-xs-12 pt-cv-content-item pt-cv-1-col\" ><div class='pt-cv-ifield'><a href=\"https:\/\/www.dmsjuridica.com\/buscador_20179478954\/corteconstitucionalcronologico202454587\/t-763-13\/\" class=\"_self pt-cv-href-thumbnail pt-cv-thumb-default\" target=\"_self\" ><\/a>\n<div class=\"pt-cv-taxoterm above_title\"><a href='https:\/\/www.dmsjuridica.com\/buscador_20179478954\/corteconstitucionalcronologico202454587\/category\/buscar-en-toda-la-corte\/2013\/tutelas-2013\/' title='Tutelas 2013' class='pt-cv-tax-tutelas-2013'>Tutelas 2013<\/a><\/div>\n<h4 class=\"pt-cv-title\"><a href=\"https:\/\/www.dmsjuridica.com\/buscador_20179478954\/corteconstitucionalcronologico202454587\/t-763-13\/\" class=\"_self\" target=\"_self\" >T-763-13<\/a><\/h4>\n<div class=\"pt-cv-content\">\u00a0 \u00a0 \u00a0 \u00a0 \u00a0 \u00a0T-763-13 \u00a0 \u00a0 \u00a0 \u00a0 \u00a0 \u00a0\u00a0 Sentencia T-763\/13 \u00a0 \u00a0 ACCION DE TUTELA PARA LA PROTECCION DE LOS DERECHOS FUNDAMENTALES DE \u00a0 LA POBLACION DESPLAZADA-Procedencia \u00a0 \u00a0 La acci\u00f3n \u00a0 de tutela es el mecanismo id\u00f3neo y eficaz para que las personas v\u00edctimas del \u00a0 desplazamiento reclamen el amparo de sus derechos fundamentales dadas sus \u00a0 condiciones de indefensi\u00f3n y vulneraci\u00f3n. \u00a0 \u00a0 DERECHO A LA PERSONALIDAD JURIDICA-Fundamental \u00a0 \u00a0 El derecho a la personalidad \u00a0 jur\u00eddica comprende la posibilidad de que los seres humanos posean determinados \u00a0 atributos que constituyen la esencia de ...<br \/><div class=\"pt-cv-rmwrap\"><a href=\"https:\/\/www.dmsjuridica.com\/buscador_20179478954\/corteconstitucionalcronologico202454587\/t-763-13\/\" class=\"_self pt-cv-readmore btn btn-success\" target=\"_self\">Ver Sentencia Completa...<\/a><\/div><\/div><\/div><\/div>\n<div class=\"col-md-12 col-sm-12 col-xs-12 pt-cv-content-item pt-cv-1-col\" ><div class='pt-cv-ifield'><a href=\"https:\/\/www.dmsjuridica.com\/buscador_20179478954\/corteconstitucionalcronologico202454587\/t-762-13\/\" class=\"_self pt-cv-href-thumbnail pt-cv-thumb-default\" target=\"_self\" ><\/a>\n<div class=\"pt-cv-taxoterm above_title\"><a href='https:\/\/www.dmsjuridica.com\/buscador_20179478954\/corteconstitucionalcronologico202454587\/category\/buscar-en-toda-la-corte\/2013\/tutelas-2013\/' title='Tutelas 2013' class='pt-cv-tax-tutelas-2013'>Tutelas 2013<\/a><\/div>\n<h4 class=\"pt-cv-title\"><a href=\"https:\/\/www.dmsjuridica.com\/buscador_20179478954\/corteconstitucionalcronologico202454587\/t-762-13\/\" class=\"_self\" target=\"_self\" >T-762-13<\/a><\/h4>\n<div class=\"pt-cv-content\">\u00a0 \u00a0 \u00a0 \u00a0 \u00a0 \u00a0T-762-13 \u00a0 \u00a0 \u00a0 \u00a0 \u00a0 \u00a0\u00a0 Nota de Relator\u00eda: Mediante auto 025 \u00a0 de fecha 5 de febrero de 2014, el cual se anexa en la parte final de esta \u00a0 providencia, se aclara el numeral tercero de la presente sentencia, en lo \u00a0 relativo al nombre de la agente oficiosa.\u00a0 \u00a0 \u00a0\u00a0 Sentencia T-762\/13 \u00a0 \u00a0 LEGITIMACION POR ACTIVA EN TUTELA Y AGENCIA OFICIOSA-Reiteraci\u00f3n \u00a0 de jurisprudencia \u00a0 \u00a0 La acci\u00f3n de tutela en \u00a0 principio, debe ser interpuesta por el titular del derecho que presuntamente se \u00a0 vulnera. Sin embargo, la ley ...<br \/><div class=\"pt-cv-rmwrap\"><a href=\"https:\/\/www.dmsjuridica.com\/buscador_20179478954\/corteconstitucionalcronologico202454587\/t-762-13\/\" class=\"_self pt-cv-readmore btn btn-success\" target=\"_self\">Ver Sentencia Completa...<\/a><\/div><\/div><\/div><\/div>\n<div class=\"col-md-12 col-sm-12 col-xs-12 pt-cv-content-item pt-cv-1-col\" ><div class='pt-cv-ifield'><a href=\"https:\/\/www.dmsjuridica.com\/buscador_20179478954\/corteconstitucionalcronologico202454587\/t-761a-13\/\" class=\"_self pt-cv-href-thumbnail pt-cv-thumb-default\" target=\"_self\" ><\/a>\n<div class=\"pt-cv-taxoterm above_title\"><a href='https:\/\/www.dmsjuridica.com\/buscador_20179478954\/corteconstitucionalcronologico202454587\/category\/buscar-en-toda-la-corte\/2013\/tutelas-2013\/' title='Tutelas 2013' class='pt-cv-tax-tutelas-2013'>Tutelas 2013<\/a><\/div>\n<h4 class=\"pt-cv-title\"><a href=\"https:\/\/www.dmsjuridica.com\/buscador_20179478954\/corteconstitucionalcronologico202454587\/t-761a-13\/\" class=\"_self\" target=\"_self\" >T-761A-13<\/a><\/h4>\n<div class=\"pt-cv-content\">\u00a0 \u00a0 \u00a0 \u00a0 \u00a0 \u00a0T-761A-13 \u00a0 \u00a0 \u00a0 \u00a0 \u00a0 \u00a0\u00a0 Sentencia \u00a0 T-761A\/13 \u00a0 \u00a0 Existe una protecci\u00f3n reforzada para \u00a0 aquellas personas que, por su situaci\u00f3n particular, se encuentran en \u00a0 circunstancias de vulnerabilidad o debilidad manifiesta. Por lo tanto, se ha \u00a0 configurado una limitaci\u00f3n a la facultad legal de que goza el empleador para \u00a0 despedir a sus trabajadores, pues se le impone la obligaci\u00f3n de respetar el \u00a0 requisito previsto para el despido o terminaci\u00f3n de contrato con personas que \u00a0 sufran alguna discapacidad, pues de no cumplirse con dicho deber, el juez de ...<br \/><div class=\"pt-cv-rmwrap\"><a href=\"https:\/\/www.dmsjuridica.com\/buscador_20179478954\/corteconstitucionalcronologico202454587\/t-761a-13\/\" class=\"_self pt-cv-readmore btn btn-success\" target=\"_self\">Ver Sentencia Completa...<\/a><\/div><\/div><\/div><\/div>\n<div class=\"col-md-12 col-sm-12 col-xs-12 pt-cv-content-item pt-cv-1-col\" ><div class='pt-cv-ifield'><a href=\"https:\/\/www.dmsjuridica.com\/buscador_20179478954\/corteconstitucionalcronologico202454587\/t-761-13\/\" class=\"_self pt-cv-href-thumbnail pt-cv-thumb-default\" target=\"_self\" ><\/a>\n<div class=\"pt-cv-taxoterm above_title\"><a href='https:\/\/www.dmsjuridica.com\/buscador_20179478954\/corteconstitucionalcronologico202454587\/category\/buscar-en-toda-la-corte\/2013\/tutelas-2013\/' title='Tutelas 2013' class='pt-cv-tax-tutelas-2013'>Tutelas 2013<\/a><\/div>\n<h4 class=\"pt-cv-title\"><a href=\"https:\/\/www.dmsjuridica.com\/buscador_20179478954\/corteconstitucionalcronologico202454587\/t-761-13\/\" class=\"_self\" target=\"_self\" >T-761-13<\/a><\/h4>\n<div class=\"pt-cv-content\">\u00a0 \u00a0 \u00a0 \u00a0 \u00a0 \u00a0T-761-13 \u00a0 \u00a0 \u00a0 \u00a0 \u00a0 \u00a0\u00a0 Sentencia \u00a0 T-761\/13 \u00a0 \u00a0 DERECHO A LA VIVIENDA \u00a0 DIGNA-Naturaleza \u00a0 jur\u00eddica, alcance y contenido \u00a0 \u00a0 El concepto de vivienda digna implica contar con un \u00a0 lugar, propio o ajeno, que le permita a la persona desarrollarse en unas m\u00ednimas \u00a0 condiciones de dignidad y satisfacer su proyecto de vida. Igualmente, el art\u00edculo 51 \u00a0 de la Constituci\u00f3n Pol\u00edtica consagra el acceso a una vivienda digna como un \u00a0 derecho de todas las personas, y asigna al Estado la obligaci\u00f3n de fijar las \u00a0 condiciones necesarias ...<br \/><div class=\"pt-cv-rmwrap\"><a href=\"https:\/\/www.dmsjuridica.com\/buscador_20179478954\/corteconstitucionalcronologico202454587\/t-761-13\/\" class=\"_self pt-cv-readmore btn btn-success\" target=\"_self\">Ver Sentencia Completa...<\/a><\/div><\/div><\/div><\/div>\n<div class=\"col-md-12 col-sm-12 col-xs-12 pt-cv-content-item pt-cv-1-col\" ><div class='pt-cv-ifield'><a href=\"https:\/\/www.dmsjuridica.com\/buscador_20179478954\/corteconstitucionalcronologico202454587\/t-760-13\/\" class=\"_self pt-cv-href-thumbnail pt-cv-thumb-default\" target=\"_self\" ><\/a>\n<div class=\"pt-cv-taxoterm above_title\"><a href='https:\/\/www.dmsjuridica.com\/buscador_20179478954\/corteconstitucionalcronologico202454587\/category\/buscar-en-toda-la-corte\/2013\/tutelas-2013\/' title='Tutelas 2013' class='pt-cv-tax-tutelas-2013'>Tutelas 2013<\/a><\/div>\n<h4 class=\"pt-cv-title\"><a href=\"https:\/\/www.dmsjuridica.com\/buscador_20179478954\/corteconstitucionalcronologico202454587\/t-760-13\/\" class=\"_self\" target=\"_self\" >T-760-13<\/a><\/h4>\n<div class=\"pt-cv-content\">\u00a0 \u00a0 \u00a0 \u00a0 \u00a0 \u00a0T-760-13 \u00a0 \u00a0 \u00a0 \u00a0 \u00a0 \u00a0\u00a0 Sentencia \u00a0 T-760\/13 \u00a0 \u00a0 ACCION DE TUTELA CONTRA \u00a0 PROVIDENCIAS JUDICIALES-Requisitos generales y especiales de procedibilidad \u00a0 \u00a0 ACCION DE TUTELA CONTRA \u00a0 PROVIDENCIAS JUDICIALES-Relevancia constitucional del requisito general de \u00a0 subsidiariedad para su procedencia excepcional \u00a0 \u00a0 ACCION DE TUTELA CONTRA \u00a0 PROVIDENCIAS JUDICIALES DE LA SUPERINTENDENCIA DE SOCIEDADES CUANDO ADELANTA \u00a0 PROCESOS CONCURSALES-Procedencia \u00a0 \u00a0 Los actos \u00a0 y decisiones que emita la Superintendencia de Sociedades en ejercicio de sus \u00a0 funciones adquieren el car\u00e1cter de actos administrativos, de manera que su \u00a0 contradicci\u00f3n s\u00f3lo ...<br \/><div class=\"pt-cv-rmwrap\"><a href=\"https:\/\/www.dmsjuridica.com\/buscador_20179478954\/corteconstitucionalcronologico202454587\/t-760-13\/\" class=\"_self pt-cv-readmore btn btn-success\" target=\"_self\">Ver Sentencia Completa...<\/a><\/div><\/div><\/div><\/div>\n<div class=\"col-md-12 col-sm-12 col-xs-12 pt-cv-content-item pt-cv-1-col\" ><div class='pt-cv-ifield'><a href=\"https:\/\/www.dmsjuridica.com\/buscador_20179478954\/corteconstitucionalcronologico202454587\/t-759-13\/\" class=\"_self pt-cv-href-thumbnail pt-cv-thumb-default\" target=\"_self\" ><\/a>\n<div class=\"pt-cv-taxoterm above_title\"><a href='https:\/\/www.dmsjuridica.com\/buscador_20179478954\/corteconstitucionalcronologico202454587\/category\/buscar-en-toda-la-corte\/2013\/tutelas-2013\/' title='Tutelas 2013' class='pt-cv-tax-tutelas-2013'>Tutelas 2013<\/a><\/div>\n<h4 class=\"pt-cv-title\"><a href=\"https:\/\/www.dmsjuridica.com\/buscador_20179478954\/corteconstitucionalcronologico202454587\/t-759-13\/\" class=\"_self\" target=\"_self\" >T-759-13<\/a><\/h4>\n<div class=\"pt-cv-content\">\u00a0 \u00a0 \u00a0 \u00a0 \u00a0 \u00a0T-759-13 \u00a0 \u00a0 \u00a0 \u00a0 \u00a0 \u00a0\u00a0 Sentencia \u00a0 T-759\/13 \u00a0 \u00a0 DERECHO A LA SALUD COMO \u00a0 CONCEPTO INTEGRAL-Incluye no s\u00f3lo aspectos f\u00edsicos sino tambi\u00e9n ps\u00edquicos, \u00a0 emocionales y sociales \u00a0 \u00a0 La salud no equivale \u00fanicamente a un estado \u00a0 de bienestar f\u00edsico o funcional, pues incluye tambi\u00e9n la placidez ps\u00edquica, \u00a0 emocional y social de las personas, que permita configurar una vida de calidad e \u00a0 incida positivamente en el desarrollo integral del ser humano. As\u00ed, el derecho a \u00a0 la salud es vulnerado no solo cuando se adopta una decisi\u00f3n que ...<br \/><div class=\"pt-cv-rmwrap\"><a href=\"https:\/\/www.dmsjuridica.com\/buscador_20179478954\/corteconstitucionalcronologico202454587\/t-759-13\/\" class=\"_self pt-cv-readmore btn btn-success\" target=\"_self\">Ver Sentencia Completa...<\/a><\/div><\/div><\/div><\/div>\n<div class=\"col-md-12 col-sm-12 col-xs-12 pt-cv-content-item pt-cv-1-col\" ><div class='pt-cv-ifield'><a href=\"https:\/\/www.dmsjuridica.com\/buscador_20179478954\/corteconstitucionalcronologico202454587\/t-748-13\/\" class=\"_self pt-cv-href-thumbnail pt-cv-thumb-default\" target=\"_self\" ><\/a>\n<div class=\"pt-cv-taxoterm above_title\"><a href='https:\/\/www.dmsjuridica.com\/buscador_20179478954\/corteconstitucionalcronologico202454587\/category\/buscar-en-toda-la-corte\/2013\/tutelas-2013\/' title='Tutelas 2013' class='pt-cv-tax-tutelas-2013'>Tutelas 2013<\/a><\/div>\n<h4 class=\"pt-cv-title\"><a href=\"https:\/\/www.dmsjuridica.com\/buscador_20179478954\/corteconstitucionalcronologico202454587\/t-748-13\/\" class=\"_self\" target=\"_self\" >T-748-13<\/a><\/h4>\n<div class=\"pt-cv-content\">\u00a0 \u00a0 \u00a0 \u00a0 \u00a0 \u00a0T-748-13 \u00a0 \u00a0 \u00a0 \u00a0 \u00a0 \u00a0\u00a0 Sentencia \u00a0 T-748\/13 \u00a0 \u00a0 SEGURIDAD SOCIAL \u00a0 EN PENSIONES CON ANTERIORIDAD Y POSTERIORIDAD DE LA LEY 100\/93 \u00a0 \u00a0 DERECHO A LA \u00a0 SEGURIDAD SOCIAL-Instrumentos \u00a0 internacionales que reconocen su importancia \u00a0 \u00a0 Colombia de anta\u00f1o ha reconocido y protegido, en virtud de los compromisos \u00a0 adquiridos en los tratados internacionales, el derecho a la seguridad social y, \u00a0 en particular, el derecho a la pensi\u00f3n de vejez como parte de \u00e9ste. Por tanto, los \u00a0 principios y garant\u00edas contenidos en esos instrumentos son aplicables a las ...<br \/><div class=\"pt-cv-rmwrap\"><a href=\"https:\/\/www.dmsjuridica.com\/buscador_20179478954\/corteconstitucionalcronologico202454587\/t-748-13\/\" class=\"_self pt-cv-readmore btn btn-success\" target=\"_self\">Ver Sentencia Completa...<\/a><\/div><\/div><\/div><\/div>\n<div class=\"col-md-12 col-sm-12 col-xs-12 pt-cv-content-item pt-cv-1-col\" ><div class='pt-cv-ifield'><a href=\"https:\/\/www.dmsjuridica.com\/buscador_20179478954\/corteconstitucionalcronologico202454587\/t-747-13\/\" class=\"_self pt-cv-href-thumbnail pt-cv-thumb-default\" target=\"_self\" ><\/a>\n<div class=\"pt-cv-taxoterm above_title\"><a href='https:\/\/www.dmsjuridica.com\/buscador_20179478954\/corteconstitucionalcronologico202454587\/category\/buscar-en-toda-la-corte\/2013\/tutelas-2013\/' title='Tutelas 2013' class='pt-cv-tax-tutelas-2013'>Tutelas 2013<\/a><\/div>\n<h4 class=\"pt-cv-title\"><a href=\"https:\/\/www.dmsjuridica.com\/buscador_20179478954\/corteconstitucionalcronologico202454587\/t-747-13\/\" class=\"_self\" target=\"_self\" >T-747-13<\/a><\/h4>\n<div class=\"pt-cv-content\">\u00a0 \u00a0 \u00a0 \u00a0 \u00a0 \u00a0T-747-13 \u00a0 \u00a0 \u00a0 \u00a0 \u00a0 \u00a0\u00a0 Sentencia T-747\/13 \u00a0 \u00a0 ACCION DE TUTELA CONTRA \u00a0 PROVIDENCIAS JUDICIALES-Requisitos generales y especiales de procedibilidad \u00a0 \u00a0 ACCION DE TUTELA CONTRA \u00a0 PROVIDENCIAS JUDICIALES-Evoluci\u00f3n jurisprudencial respecto al reemplazo de \u00a0 la expresi\u00f3n \"v\u00eda de hecho\" por la de \"causales gen\u00e9ricas de procedibilidad\" \u00a0 \u00a0 CARACTERIZACION DEL DEFECTO \u00a0 PROCEDIMENTAL POR EXCESO RITUAL MANIFIESTO-Reiteraci\u00f3n de jurisprudencia \u00a0 \u00a0 Si bien las formalidades o ritos dentro de los procesos \u00a0 judiciales son relevantes en la medida que buscan garantizar el respeto de un \u00a0 debido proceso, las autoridades judiciales ...<br \/><div class=\"pt-cv-rmwrap\"><a href=\"https:\/\/www.dmsjuridica.com\/buscador_20179478954\/corteconstitucionalcronologico202454587\/t-747-13\/\" class=\"_self pt-cv-readmore btn btn-success\" target=\"_self\">Ver Sentencia Completa...<\/a><\/div><\/div><\/div><\/div>\n<div class=\"col-md-12 col-sm-12 col-xs-12 pt-cv-content-item pt-cv-1-col\" ><div class='pt-cv-ifield'><a href=\"https:\/\/www.dmsjuridica.com\/buscador_20179478954\/corteconstitucionalcronologico202454587\/t-746-13\/\" class=\"_self pt-cv-href-thumbnail pt-cv-thumb-default\" target=\"_self\" ><\/a>\n<div class=\"pt-cv-taxoterm above_title\"><a href='https:\/\/www.dmsjuridica.com\/buscador_20179478954\/corteconstitucionalcronologico202454587\/category\/buscar-en-toda-la-corte\/2013\/tutelas-2013\/' title='Tutelas 2013' class='pt-cv-tax-tutelas-2013'>Tutelas 2013<\/a><\/div>\n<h4 class=\"pt-cv-title\"><a href=\"https:\/\/www.dmsjuridica.com\/buscador_20179478954\/corteconstitucionalcronologico202454587\/t-746-13\/\" class=\"_self\" target=\"_self\" >T-746-13<\/a><\/h4>\n<div class=\"pt-cv-content\">\u00a0 \u00a0 \u00a0 \u00a0 \u00a0 \u00a0T-746-13 \u00a0 \u00a0 \u00a0 \u00a0 \u00a0 \u00a0\u00a0 Sentencia \u00a0 T-746\/13 \u00a0 \u00a0 La subsidiariedad y la excepcionalidad de la acci\u00f3n de tutela, permiten \u00a0 reconocer la validez y viabilidad de los medios y recursos ordinarios de \u00a0 protecci\u00f3n judicial como mecanismos leg\u00edtimos y prevalentes para la salvaguarda \u00a0 de los derechos. Al existir tales mecanismos, se debe acudir a ellos \u00a0 preferentemente, siempre que sean conducentes para conferir una eficaz \u00a0 protecci\u00f3n constitucional de los derechos fundamentales de los individuos. Raz\u00f3n \u00a0 por la cual, quien invoca la transgresi\u00f3n de sus derechos fundamentales por esta ...<br \/><div class=\"pt-cv-rmwrap\"><a href=\"https:\/\/www.dmsjuridica.com\/buscador_20179478954\/corteconstitucionalcronologico202454587\/t-746-13\/\" class=\"_self pt-cv-readmore btn btn-success\" target=\"_self\">Ver Sentencia Completa...<\/a><\/div><\/div><\/div><\/div>\n<div class=\"col-md-12 col-sm-12 col-xs-12 pt-cv-content-item pt-cv-1-col\" ><div class='pt-cv-ifield'><a href=\"https:\/\/www.dmsjuridica.com\/buscador_20179478954\/corteconstitucionalcronologico202454587\/t-745-13\/\" class=\"_self pt-cv-href-thumbnail pt-cv-thumb-default\" target=\"_self\" ><\/a>\n<div class=\"pt-cv-taxoterm above_title\"><a href='https:\/\/www.dmsjuridica.com\/buscador_20179478954\/corteconstitucionalcronologico202454587\/category\/buscar-en-toda-la-corte\/2013\/tutelas-2013\/' title='Tutelas 2013' class='pt-cv-tax-tutelas-2013'>Tutelas 2013<\/a><\/div>\n<h4 class=\"pt-cv-title\"><a href=\"https:\/\/www.dmsjuridica.com\/buscador_20179478954\/corteconstitucionalcronologico202454587\/t-745-13\/\" class=\"_self\" target=\"_self\" >T-745-13<\/a><\/h4>\n<div class=\"pt-cv-content\">\u00a0 \u00a0 \u00a0 \u00a0 \u00a0 \u00a0T-745-13 \u00a0 \u00a0 \u00a0 \u00a0 \u00a0 \u00a0\u00a0 Sentencia T-745\/13 \u00a0 \u00a0 DERECHO FUNDAMENTAL A LA SALUD-Naturaleza y alcance \u00a0 \u00a0 El derecho a la salud es \u00a0 fundamental de manera aut\u00f3noma, de acuerdo con la jurisprudencia constitucional, \u00a0 su contenido m\u00ednimo as\u00ed como aquellos definidos por v\u00edas normativas como la ley \u00a0 y la jurisprudencia son de inmediato cumplimiento. Los dem\u00e1s contenidos deben \u00a0 irse ampliando y desarrollando paulatinamente conforme al principio de \u00a0 progresividad y no regresi\u00f3n. \u00a0 \u00a0 DERECHO A LA SALUD Y A LA VIDA DIGNA-Derecho a gozar de un estado completo ...<br \/><div class=\"pt-cv-rmwrap\"><a href=\"https:\/\/www.dmsjuridica.com\/buscador_20179478954\/corteconstitucionalcronologico202454587\/t-745-13\/\" class=\"_self pt-cv-readmore btn btn-success\" target=\"_self\">Ver Sentencia Completa...<\/a><\/div><\/div><\/div><\/div>\n<div class=\"col-md-12 col-sm-12 col-xs-12 pt-cv-content-item pt-cv-1-col\" ><div class='pt-cv-ifield'><a href=\"https:\/\/www.dmsjuridica.com\/buscador_20179478954\/corteconstitucionalcronologico202454587\/t-744-13\/\" class=\"_self pt-cv-href-thumbnail pt-cv-thumb-default\" target=\"_self\" ><\/a>\n<div class=\"pt-cv-taxoterm above_title\"><a href='https:\/\/www.dmsjuridica.com\/buscador_20179478954\/corteconstitucionalcronologico202454587\/category\/buscar-en-toda-la-corte\/2013\/tutelas-2013\/' title='Tutelas 2013' class='pt-cv-tax-tutelas-2013'>Tutelas 2013<\/a><\/div>\n<h4 class=\"pt-cv-title\"><a href=\"https:\/\/www.dmsjuridica.com\/buscador_20179478954\/corteconstitucionalcronologico202454587\/t-744-13\/\" class=\"_self\" target=\"_self\" >T-744-13<\/a><\/h4>\n<div class=\"pt-cv-content\">\u00a0 \u00a0 \u00a0 \u00a0 \u00a0 \u00a0T-744-13 \u00a0 \u00a0 \u00a0 \u00a0 \u00a0 \u00a0\u00a0 Sentencia \u00a0 T-744\/13 \u00a0 \u00a0 RELACIONES DE ESPECIAL \u00a0 SUJECION ENTRE LOS INTERNOS Y EL ESTADO-Respeto por la dignidad humana de \u00a0 personas privadas de la libertad \u00a0 \u00a0 La jurisprudencia de esta Corporaci\u00f3n, de manera reiterada, ha estudiado la \u00a0 situaci\u00f3n de las personas recluidas en un establecimiento penitenciario como \u00a0 consecuencia del ejercicio del poder punitivo del Estado. Para la Corte, esto \u00a0 implica el surgimiento de una relaci\u00f3n especial de sujeci\u00f3n, en virtud de la \u00a0 cual, el recluso \u201cqueda enteramente cobijado por la organizaci\u00f3n ...<br \/><div class=\"pt-cv-rmwrap\"><a href=\"https:\/\/www.dmsjuridica.com\/buscador_20179478954\/corteconstitucionalcronologico202454587\/t-744-13\/\" class=\"_self pt-cv-readmore btn btn-success\" target=\"_self\">Ver Sentencia Completa...<\/a><\/div><\/div><\/div><\/div>\n<div class=\"col-md-12 col-sm-12 col-xs-12 pt-cv-content-item pt-cv-1-col\" ><div class='pt-cv-ifield'><a href=\"https:\/\/www.dmsjuridica.com\/buscador_20179478954\/corteconstitucionalcronologico202454587\/t-743-13\/\" class=\"_self pt-cv-href-thumbnail pt-cv-thumb-default\" target=\"_self\" ><\/a>\n<div class=\"pt-cv-taxoterm above_title\"><a href='https:\/\/www.dmsjuridica.com\/buscador_20179478954\/corteconstitucionalcronologico202454587\/category\/buscar-en-toda-la-corte\/2013\/tutelas-2013\/' title='Tutelas 2013' class='pt-cv-tax-tutelas-2013'>Tutelas 2013<\/a><\/div>\n<h4 class=\"pt-cv-title\"><a href=\"https:\/\/www.dmsjuridica.com\/buscador_20179478954\/corteconstitucionalcronologico202454587\/t-743-13\/\" class=\"_self\" target=\"_self\" >T-743-13<\/a><\/h4>\n<div class=\"pt-cv-content\">\u00a0 \u00a0 \u00a0 \u00a0 \u00a0 \u00a0T-743-13 \u00a0 \u00a0 \u00a0 \u00a0 \u00a0 \u00a0\u00a0 Sentencia T-743\/13 \u00a0 \u00a0 EDUCACION-Derecho y servicio p\u00fablico con funci\u00f3n social \u00a0 \u00a0 El art\u00edculo 67 de la Constituci\u00f3n reconoce en la \u00a0 educaci\u00f3n una doble condici\u00f3n de derecho y de servicio p\u00fablico que busca \u00a0 garantizar el acceso de los ciudadanos al conocimiento, a la ciencia y a los \u00a0 dem\u00e1s bienes y valores culturales. La relevancia de esa funci\u00f3n social explica \u00a0 que la norma superior le haya asignado a la familia, a la sociedad y al Estado \u00a0 una corresponsabilidad en la materializaci\u00f3n de esas ...<br \/><div class=\"pt-cv-rmwrap\"><a href=\"https:\/\/www.dmsjuridica.com\/buscador_20179478954\/corteconstitucionalcronologico202454587\/t-743-13\/\" class=\"_self pt-cv-readmore btn btn-success\" target=\"_self\">Ver Sentencia Completa...<\/a><\/div><\/div><\/div><\/div>\n<div class=\"col-md-12 col-sm-12 col-xs-12 pt-cv-content-item pt-cv-1-col\" ><div class='pt-cv-ifield'><a href=\"https:\/\/www.dmsjuridica.com\/buscador_20179478954\/corteconstitucionalcronologico202454587\/t-739-13\/\" class=\"_self pt-cv-href-thumbnail pt-cv-thumb-default\" target=\"_self\" ><\/a>\n<div class=\"pt-cv-taxoterm above_title\"><a href='https:\/\/www.dmsjuridica.com\/buscador_20179478954\/corteconstitucionalcronologico202454587\/category\/buscar-en-toda-la-corte\/2013\/tutelas-2013\/' title='Tutelas 2013' class='pt-cv-tax-tutelas-2013'>Tutelas 2013<\/a><\/div>\n<h4 class=\"pt-cv-title\"><a href=\"https:\/\/www.dmsjuridica.com\/buscador_20179478954\/corteconstitucionalcronologico202454587\/t-739-13\/\" class=\"_self\" target=\"_self\" >T-739-13<\/a><\/h4>\n<div class=\"pt-cv-content\">\u00a0 \u00a0 \u00a0 \u00a0 \u00a0 \u00a0T-739-13 \u00a0 \u00a0 \u00a0 \u00a0 \u00a0 \u00a0\u00a0 Sentencia T-739\/13 \u00a0 \u00a0 CARENCIA \u00a0 PARCIAL DE OBJETO POR HECHO SUPERADO-Cuando se \u00a0 configura un hecho parcialmente superado pero subsiste vulneraci\u00f3n del derecho \u00a0 \u00a0 Debe recordarse que la carencia actual de \u00a0 objeto se presenta cuando desaparece la amenaza o afectaci\u00f3n del derecho cuya \u00a0 protecci\u00f3n se reclama, de forma que el pronunciamiento del juez pierde su raz\u00f3n \u00a0 de ser, porque no tendr\u00eda un objeto jur\u00eddico sobre el cual recaer. No obstante, \u00a0 si bien en el presente asunto el accionante fue declarado exento de ...<br \/><div class=\"pt-cv-rmwrap\"><a href=\"https:\/\/www.dmsjuridica.com\/buscador_20179478954\/corteconstitucionalcronologico202454587\/t-739-13\/\" class=\"_self pt-cv-readmore btn btn-success\" target=\"_self\">Ver Sentencia Completa...<\/a><\/div><\/div><\/div><\/div>\n<div class=\"col-md-12 col-sm-12 col-xs-12 pt-cv-content-item pt-cv-1-col\" ><div class='pt-cv-ifield'><a href=\"https:\/\/www.dmsjuridica.com\/buscador_20179478954\/corteconstitucionalcronologico202454587\/t-738-13\/\" class=\"_self pt-cv-href-thumbnail pt-cv-thumb-default\" target=\"_self\" ><\/a>\n<div class=\"pt-cv-taxoterm above_title\"><a href='https:\/\/www.dmsjuridica.com\/buscador_20179478954\/corteconstitucionalcronologico202454587\/category\/buscar-en-toda-la-corte\/2013\/tutelas-2013\/' title='Tutelas 2013' class='pt-cv-tax-tutelas-2013'>Tutelas 2013<\/a><\/div>\n<h4 class=\"pt-cv-title\"><a href=\"https:\/\/www.dmsjuridica.com\/buscador_20179478954\/corteconstitucionalcronologico202454587\/t-738-13\/\" class=\"_self\" target=\"_self\" >T-738-13<\/a><\/h4>\n<div class=\"pt-cv-content\">\u00a0 \u00a0 \u00a0 \u00a0 \u00a0 \u00a0T-738-13 \u00a0 \u00a0 \u00a0 \u00a0 \u00a0 \u00a0\u00a0 Sentencia T-738\/13 \u00a0 \u00a0 ACCION DE TUTELA PARA OBTENER REINTEGRO LABORAL DE \u00a0 TRABAJADOR DISCAPACITADO QUE GOCE DE ESTABILIDAD LABORAL REFORZADA-Procedencia excepcional \u00a0 \u00a0 \u00ad \u00a0 \u00a0 En lo atinente a la situaci\u00f3n espec\u00edfica de ciertos \u00a0 sujetos de especial protecci\u00f3n constitucional, como \u00a0 las personas discapacitadas, este Tribunal ha desarrollado la tesis seg\u00fan la \u00a0 cual es indispensable que estos cuenten con un mecanismo judicial din\u00e1mico y \u00a0 eficaz que les permita salvaguardar su derecho a la estabilidad en el empleo, en \u00a0 caso de ser despedidos ...<br \/><div class=\"pt-cv-rmwrap\"><a href=\"https:\/\/www.dmsjuridica.com\/buscador_20179478954\/corteconstitucionalcronologico202454587\/t-738-13\/\" class=\"_self pt-cv-readmore btn btn-success\" target=\"_self\">Ver Sentencia Completa...<\/a><\/div><\/div><\/div><\/div>\n<div class=\"col-md-12 col-sm-12 col-xs-12 pt-cv-content-item pt-cv-1-col\" ><div class='pt-cv-ifield'><a href=\"https:\/\/www.dmsjuridica.com\/buscador_20179478954\/corteconstitucionalcronologico202454587\/t-737-13\/\" class=\"_self pt-cv-href-thumbnail pt-cv-thumb-default\" target=\"_self\" ><\/a>\n<div class=\"pt-cv-taxoterm above_title\"><a href='https:\/\/www.dmsjuridica.com\/buscador_20179478954\/corteconstitucionalcronologico202454587\/category\/buscar-en-toda-la-corte\/2013\/tutelas-2013\/' title='Tutelas 2013' class='pt-cv-tax-tutelas-2013'>Tutelas 2013<\/a><\/div>\n<h4 class=\"pt-cv-title\"><a href=\"https:\/\/www.dmsjuridica.com\/buscador_20179478954\/corteconstitucionalcronologico202454587\/t-737-13\/\" class=\"_self\" target=\"_self\" >T-737-13<\/a><\/h4>\n<div class=\"pt-cv-content\">\u00a0 \u00a0 \u00a0 \u00a0 \u00a0 \u00a0T-737-13 \u00a0 \u00a0 \u00a0 \u00a0 \u00a0 \u00a0\u00a0 Sentencia T-737\/13 \u00a0 \u00a0 En reiterada jurisprudencia \u00a0 de esta Corporaci\u00f3n se ha dispuesto que el derecho a la salud es un derecho \u00a0 fundamental de car\u00e1cter aut\u00f3nomo. Seg\u00fan el art\u00edculo 49 de la Constituci\u00f3n \u00a0 Pol\u00edtica, la salud tiene una doble connotaci\u00f3n -derecho constitucional y \u00a0 servicio p\u00fablico-. En tal sentido, todas las personas deben poder acceder al \u00a0 servicio de salud y al Estado le corresponde organizar, dirigir, reglamentar y \u00a0 garantizar su prestaci\u00f3n de conformidad con los principios de eficiencia, \u00a0 universalidad y solidaridad. Se ...<br \/><div class=\"pt-cv-rmwrap\"><a href=\"https:\/\/www.dmsjuridica.com\/buscador_20179478954\/corteconstitucionalcronologico202454587\/t-737-13\/\" class=\"_self pt-cv-readmore btn btn-success\" target=\"_self\">Ver Sentencia Completa...<\/a><\/div><\/div><\/div><\/div>\n<div class=\"col-md-12 col-sm-12 col-xs-12 pt-cv-content-item pt-cv-1-col\" ><div class='pt-cv-ifield'><a href=\"https:\/\/www.dmsjuridica.com\/buscador_20179478954\/corteconstitucionalcronologico202454587\/t-736-13\/\" class=\"_self pt-cv-href-thumbnail pt-cv-thumb-default\" target=\"_self\" ><\/a>\n<div class=\"pt-cv-taxoterm above_title\"><a href='https:\/\/www.dmsjuridica.com\/buscador_20179478954\/corteconstitucionalcronologico202454587\/category\/buscar-en-toda-la-corte\/2013\/tutelas-2013\/' title='Tutelas 2013' class='pt-cv-tax-tutelas-2013'>Tutelas 2013<\/a><\/div>\n<h4 class=\"pt-cv-title\"><a href=\"https:\/\/www.dmsjuridica.com\/buscador_20179478954\/corteconstitucionalcronologico202454587\/t-736-13\/\" class=\"_self\" target=\"_self\" >T-736-13<\/a><\/h4>\n<div class=\"pt-cv-content\">\u00a0 \u00a0 \u00a0 \u00a0 \u00a0 \u00a0T-736-13 \u00a0 \u00a0 \u00a0 \u00a0 \u00a0 \u00a0\u00a0 Sentencia T-736\/13 \u00a0 \u00a0 ACCION DE TUTELA CONTRA PARTICULARES-Procedencia por actos que afecten o amenacen derechos \u00a0 fundamentales\/ACCION DE TUTELA CONTRA PARTICULARES-Indefensi\u00f3n respecto \u00a0 de due\u00f1o de predio que decide cerrar paso por servidumbre de tr\u00e1nsito \u00a0 \u00a0 Observa la Sala que el accionante se \u00a0 encuentra en estado de indefensi\u00f3n frente a la actuaci\u00f3n realizada por el \u00a0 demandado, pues adem\u00e1s de ser una persona de setenta y ocho (78) a\u00f1os de edad, \u00a0 de la cual se puede inferir un estado de debilidad manifiesta y por ...<br \/><div class=\"pt-cv-rmwrap\"><a href=\"https:\/\/www.dmsjuridica.com\/buscador_20179478954\/corteconstitucionalcronologico202454587\/t-736-13\/\" class=\"_self pt-cv-readmore btn btn-success\" target=\"_self\">Ver Sentencia Completa...<\/a><\/div><\/div><\/div><\/div>\n<div class=\"col-md-12 col-sm-12 col-xs-12 pt-cv-content-item pt-cv-1-col\" ><div class='pt-cv-ifield'><a href=\"https:\/\/www.dmsjuridica.com\/buscador_20179478954\/corteconstitucionalcronologico202454587\/t-735-13\/\" class=\"_self pt-cv-href-thumbnail pt-cv-thumb-default\" target=\"_self\" ><\/a>\n<div class=\"pt-cv-taxoterm above_title\"><a href='https:\/\/www.dmsjuridica.com\/buscador_20179478954\/corteconstitucionalcronologico202454587\/category\/buscar-en-toda-la-corte\/2013\/tutelas-2013\/' title='Tutelas 2013' class='pt-cv-tax-tutelas-2013'>Tutelas 2013<\/a><\/div>\n<h4 class=\"pt-cv-title\"><a href=\"https:\/\/www.dmsjuridica.com\/buscador_20179478954\/corteconstitucionalcronologico202454587\/t-735-13\/\" class=\"_self\" target=\"_self\" >T-735-13<\/a><\/h4>\n<div class=\"pt-cv-content\">\u00a0 \u00a0 \u00a0 \u00a0 \u00a0 \u00a0T-735-13 \u00a0 \u00a0 \u00a0 \u00a0 \u00a0 \u00a0\u00a0 Sentencia T-735\/13 \u00a0 \u00a0 ACCION DE TUTELA \u00a0 CONTRA PROVIDENCIAS JUDICIALES-Requisitos generales y especiales de \u00a0 procedibilidad \u00a0 \u00a0 ACCION DE TUTELA CONTRA PROVIDENCIAS \u00a0 JUDICIALES-Improcedencia \u00a0 por cuanto no se ejercieron los recursos ordinarios en proceso de divorcio y \u00a0 liquidaci\u00f3n de sociedad conyugal y no cumpli\u00f3 con requisito de inmediatez\u00a0 \u00a0 \u00a0 Acci\u00f3n de tutela \u00a0 instaurada por Rub\u00e9n Alfonso Sabogal Zamora en contra del Juzgado Trece (13) de \u00a0 Familia de Bogot\u00e1 D.C., y de Marina In\u00e9s Cubillos Ruiz. \u00a0 \u00a0 Magistrado \u00a0 Ponente: \u00a0 ...<br \/><div class=\"pt-cv-rmwrap\"><a href=\"https:\/\/www.dmsjuridica.com\/buscador_20179478954\/corteconstitucionalcronologico202454587\/t-735-13\/\" class=\"_self pt-cv-readmore btn btn-success\" target=\"_self\">Ver Sentencia Completa...<\/a><\/div><\/div><\/div><\/div>\n<div class=\"col-md-12 col-sm-12 col-xs-12 pt-cv-content-item pt-cv-1-col\" ><div class='pt-cv-ifield'><a href=\"https:\/\/www.dmsjuridica.com\/buscador_20179478954\/corteconstitucionalcronologico202454587\/t-734-13\/\" class=\"_self pt-cv-href-thumbnail pt-cv-thumb-default\" target=\"_self\" ><\/a>\n<div class=\"pt-cv-taxoterm above_title\"><a href='https:\/\/www.dmsjuridica.com\/buscador_20179478954\/corteconstitucionalcronologico202454587\/category\/buscar-en-toda-la-corte\/2013\/tutelas-2013\/' title='Tutelas 2013' class='pt-cv-tax-tutelas-2013'>Tutelas 2013<\/a><\/div>\n<h4 class=\"pt-cv-title\"><a href=\"https:\/\/www.dmsjuridica.com\/buscador_20179478954\/corteconstitucionalcronologico202454587\/t-734-13\/\" class=\"_self\" target=\"_self\" >T-734-13<\/a><\/h4>\n<div class=\"pt-cv-content\">\u00a0 \u00a0 \u00a0 \u00a0 \u00a0 \u00a0T-734-13 \u00a0 \u00a0 \u00a0 \u00a0 \u00a0 \u00a0\u00a0 Sentencia T-734\/13 \u00a0 \u00a0 ACCION DE TUTELA CONTRA PROVIDENCIAS \u00a0 JUDICIALES-Requisitos \u00a0 generales y especiales de procedibilidad \u00a0 \u00a0 ACCION DE TUTELA CONTRA PROVIDENCIAS \u00a0 JUDICIALES-Evoluci\u00f3n \u00a0 jurisprudencial respecto al reemplazo de la expresi\u00f3n \"v\u00eda de hecho\" por la de \u00a0 \"causales gen\u00e9ricas de procedibilidad\" \u00a0 \u00a0 CARACTERIZACION DEL DEFECTO MATERIAL O \u00a0 SUSTANTIVO COMO CAUSAL DE PROCEDIBILIDAD DE LA ACCION DE TUTELA CONTRA \u00a0 PROVIDENCIAS JUDICIALES-Reiteraci\u00f3n \u00a0 de jurisprudencia \u00a0 \u00a0 Respecto del defecto sustantivo alegado a partir de una \u00a0 errada interpretaci\u00f3n normativa, la jurisprudencia constitucional ...<br \/><div class=\"pt-cv-rmwrap\"><a href=\"https:\/\/www.dmsjuridica.com\/buscador_20179478954\/corteconstitucionalcronologico202454587\/t-734-13\/\" class=\"_self pt-cv-readmore btn btn-success\" target=\"_self\">Ver Sentencia Completa...<\/a><\/div><\/div><\/div><\/div>\n<div class=\"col-md-12 col-sm-12 col-xs-12 pt-cv-content-item pt-cv-1-col\" ><div class='pt-cv-ifield'><a href=\"https:\/\/www.dmsjuridica.com\/buscador_20179478954\/corteconstitucionalcronologico202454587\/t-733-13\/\" class=\"_self pt-cv-href-thumbnail pt-cv-thumb-default\" target=\"_self\" ><\/a>\n<div class=\"pt-cv-taxoterm above_title\"><a href='https:\/\/www.dmsjuridica.com\/buscador_20179478954\/corteconstitucionalcronologico202454587\/category\/buscar-en-toda-la-corte\/2013\/tutelas-2013\/' title='Tutelas 2013' class='pt-cv-tax-tutelas-2013'>Tutelas 2013<\/a><\/div>\n<h4 class=\"pt-cv-title\"><a href=\"https:\/\/www.dmsjuridica.com\/buscador_20179478954\/corteconstitucionalcronologico202454587\/t-733-13\/\" class=\"_self\" target=\"_self\" >T-733-13<\/a><\/h4>\n<div class=\"pt-cv-content\">\u00a0 \u00a0 \u00a0 \u00a0 \u00a0 \u00a0T-733-13 \u00a0 \u00a0 \u00a0 \u00a0 \u00a0 \u00a0\u00a0 Sentencia T-733\/13 \u00a0 \u00a0 MEDIDAS PROVISIONALES EN PROCESO DE TUTELA PARA \u00a0 PROTEGER UN DERECHO-Finalidad \u00a0 \u00a0 Las medidas provisionales buscan evitar que la amenaza \u00a0 contra el derecho fundamental se convierta en violaci\u00f3n o, habi\u00e9ndose constatado \u00a0 la existencia de una violaci\u00f3n, \u00e9sta se torne m\u00e1s gravosa y las mismas pueden \u00a0 ser adoptadas durante el tr\u00e1mite del proceso o en la sentencia, toda vez que \u00a0 \u201c\u00fanicamente durante el tr\u00e1mite o al momento de dictar la sentencia, se puede \u00a0 apreciar la urgencia y necesidad de ...<br \/><div class=\"pt-cv-rmwrap\"><a href=\"https:\/\/www.dmsjuridica.com\/buscador_20179478954\/corteconstitucionalcronologico202454587\/t-733-13\/\" class=\"_self pt-cv-readmore btn btn-success\" target=\"_self\">Ver Sentencia Completa...<\/a><\/div><\/div><\/div><\/div>\n<div class=\"col-md-12 col-sm-12 col-xs-12 pt-cv-content-item pt-cv-1-col\" ><div class='pt-cv-ifield'><a href=\"https:\/\/www.dmsjuridica.com\/buscador_20179478954\/corteconstitucionalcronologico202454587\/t-732-13\/\" class=\"_self pt-cv-href-thumbnail pt-cv-thumb-default\" target=\"_self\" ><\/a>\n<div class=\"pt-cv-taxoterm above_title\"><a href='https:\/\/www.dmsjuridica.com\/buscador_20179478954\/corteconstitucionalcronologico202454587\/category\/buscar-en-toda-la-corte\/2013\/tutelas-2013\/' title='Tutelas 2013' class='pt-cv-tax-tutelas-2013'>Tutelas 2013<\/a><\/div>\n<h4 class=\"pt-cv-title\"><a href=\"https:\/\/www.dmsjuridica.com\/buscador_20179478954\/corteconstitucionalcronologico202454587\/t-732-13\/\" class=\"_self\" target=\"_self\" >T-732-13<\/a><\/h4>\n<div class=\"pt-cv-content\">\u00a0 \u00a0 \u00a0 \u00a0 \u00a0 \u00a0T-732-13 \u00a0 \u00a0 \u00a0 \u00a0 \u00a0 \u00a0\u00a0 Sentencia T-732\/13 \u00a0 \u00a0 AGENCIA \u00a0 OFICIOSA EN TUTELA-Requisitos \u00a0 \u00a0 Para el ejercicio de la agencia \u00a0 oficiosa, deben constatarse de manera puntual los siguientes requisitos: (i) que \u00a0 el directamente afectado se encuentre imposibilitado para interponer \u00a0 directamente la acci\u00f3n y (ii) una manifestaci\u00f3n expresa donde conste que se obra \u00a0 en calidad de agente oficioso. Solo cuando estos \u00a0 dos requisitos sean satisfechos, se afirma que el agente goza de legitimaci\u00f3n \u00a0 por activa para agenciar los derechos fundamentales de su titular. \u00a0 \u00a0 LEGITIMACION ...<br \/><div class=\"pt-cv-rmwrap\"><a href=\"https:\/\/www.dmsjuridica.com\/buscador_20179478954\/corteconstitucionalcronologico202454587\/t-732-13\/\" class=\"_self pt-cv-readmore btn btn-success\" target=\"_self\">Ver Sentencia Completa...<\/a><\/div><\/div><\/div><\/div>\n<div class=\"col-md-12 col-sm-12 col-xs-12 pt-cv-content-item pt-cv-1-col\" ><div class='pt-cv-ifield'><a href=\"https:\/\/www.dmsjuridica.com\/buscador_20179478954\/corteconstitucionalcronologico202454587\/t-731-13\/\" class=\"_self pt-cv-href-thumbnail pt-cv-thumb-default\" target=\"_self\" ><\/a>\n<div class=\"pt-cv-taxoterm above_title\"><a href='https:\/\/www.dmsjuridica.com\/buscador_20179478954\/corteconstitucionalcronologico202454587\/category\/buscar-en-toda-la-corte\/2013\/tutelas-2013\/' title='Tutelas 2013' class='pt-cv-tax-tutelas-2013'>Tutelas 2013<\/a><\/div>\n<h4 class=\"pt-cv-title\"><a href=\"https:\/\/www.dmsjuridica.com\/buscador_20179478954\/corteconstitucionalcronologico202454587\/t-731-13\/\" class=\"_self\" target=\"_self\" >T-731-13<\/a><\/h4>\n<div class=\"pt-cv-content\">\u00a0 \u00a0 \u00a0 \u00a0 \u00a0 \u00a0T-731-13 \u00a0 \u00a0 \u00a0 \u00a0 \u00a0 \u00a0\u00a0 Sentencia T-731\/13 \u00a0 \u00a0 ACCION DE TUTELA CONTRA PARTICULARES CUANDO EL AFECTADO SE ENCUENTRA \u00a0 EN ESTADO DE INDEFENSION-Factores que integran situaciones de indefensi\u00f3n y \u00a0 subordinaci\u00f3n \u00a0 \u00a0 Sobre la \u00a0 indefensi\u00f3n, el Tribunal Constitucional, ha indicado que \u00e9sta constituye una \u00a0 relaci\u00f3n de dependencia de una persona respecto de otra que surge de situaciones \u00a0 de naturaleza f\u00e1ctica. En virtud de estas situaciones, la persona afectada en su \u00a0 derecho carece de defensa, \u201centendida \u00e9sta como la posibilidad de respuesta \u00a0 oportuna, inmediata y efectiva ante ...<br \/><div class=\"pt-cv-rmwrap\"><a href=\"https:\/\/www.dmsjuridica.com\/buscador_20179478954\/corteconstitucionalcronologico202454587\/t-731-13\/\" class=\"_self pt-cv-readmore btn btn-success\" target=\"_self\">Ver Sentencia Completa...<\/a><\/div><\/div><\/div><\/div>\n<div class=\"col-md-12 col-sm-12 col-xs-12 pt-cv-content-item pt-cv-1-col\" ><div class='pt-cv-ifield'><a href=\"https:\/\/www.dmsjuridica.com\/buscador_20179478954\/corteconstitucionalcronologico202454587\/t-730-13\/\" class=\"_self pt-cv-href-thumbnail pt-cv-thumb-default\" target=\"_self\" ><\/a>\n<div class=\"pt-cv-taxoterm above_title\"><a href='https:\/\/www.dmsjuridica.com\/buscador_20179478954\/corteconstitucionalcronologico202454587\/category\/buscar-en-toda-la-corte\/2013\/tutelas-2013\/' title='Tutelas 2013' class='pt-cv-tax-tutelas-2013'>Tutelas 2013<\/a><\/div>\n<h4 class=\"pt-cv-title\"><a href=\"https:\/\/www.dmsjuridica.com\/buscador_20179478954\/corteconstitucionalcronologico202454587\/t-730-13\/\" class=\"_self\" target=\"_self\" >T-730-13<\/a><\/h4>\n<div class=\"pt-cv-content\">\u00a0 \u00a0 \u00a0 \u00a0 \u00a0 \u00a0T-730-13 \u00a0 \u00a0 \u00a0 \u00a0 \u00a0 \u00a0\u00a0 Sentencia T-730\/13 \u00a0 \u00a0\u00a0 CUOTAS MODERADORAS Y COPAGOS-No pueden convertirse en una barrera para el acceso a \u00a0 los servicios de salud cuando el usuario no est\u00e1 en la capacidad de sufragar su \u00a0 costo \u00a0 \u00a0 PAGOS COMPARTIDOS Y CUOTAS MODERADORAS-Principios b\u00e1sicos al momento de fijar montos a pagar \u00a0 \u00a0 De conformidad con el art\u00edculo 5\u00b0 del Acuerdo 260 de 2004 de la \u00a0 Comisi\u00f3n de Regulaci\u00f3n en Salud, existen \u00a0 principios que se deben tener en cuenta al momento de exigir una cuota \u00a0 moderadora, ...<br \/><div class=\"pt-cv-rmwrap\"><a href=\"https:\/\/www.dmsjuridica.com\/buscador_20179478954\/corteconstitucionalcronologico202454587\/t-730-13\/\" class=\"_self pt-cv-readmore btn btn-success\" target=\"_self\">Ver Sentencia Completa...<\/a><\/div><\/div><\/div><\/div>\n<div class=\"col-md-12 col-sm-12 col-xs-12 pt-cv-content-item pt-cv-1-col\" ><div class='pt-cv-ifield'><a href=\"https:\/\/www.dmsjuridica.com\/buscador_20179478954\/corteconstitucionalcronologico202454587\/t-729-13\/\" class=\"_self pt-cv-href-thumbnail pt-cv-thumb-default\" target=\"_self\" ><\/a>\n<div class=\"pt-cv-taxoterm above_title\"><a href='https:\/\/www.dmsjuridica.com\/buscador_20179478954\/corteconstitucionalcronologico202454587\/category\/buscar-en-toda-la-corte\/2013\/tutelas-2013\/' title='Tutelas 2013' class='pt-cv-tax-tutelas-2013'>Tutelas 2013<\/a><\/div>\n<h4 class=\"pt-cv-title\"><a href=\"https:\/\/www.dmsjuridica.com\/buscador_20179478954\/corteconstitucionalcronologico202454587\/t-729-13\/\" class=\"_self\" target=\"_self\" >T-729-13<\/a><\/h4>\n<div class=\"pt-cv-content\">\u00a0 \u00a0 \u00a0 \u00a0 \u00a0 \u00a0T-729-13 \u00a0 \u00a0 \u00a0 \u00a0 \u00a0 \u00a0\u00a0 Sentencia T-729\/13 \u00a0 \u00a0 DERECHO \u00a0 FUNDAMENTAL A LA VIVIENDA DIGNA DE POBLACION DESPLAZADA-Procedencia de la acci\u00f3n de tutela \u00a0 \u00a0 La doctrina constitucional se ha referido \u00a0 a la procedibilidad de la tutela cuando quien reclama la protecci\u00f3n de sus \u00a0 derechos es una persona que, por sus condiciones de vulnerabilidad, se considera \u00a0 sujeto de especial protecci\u00f3n constitucional, como los menores de edad, los \u00a0 adultos mayores, las madres cabeza de familia y las personas desplazadas por la \u00a0 violencia. Respecto de estos \u00faltimos la acci\u00f3n ...<br \/><div class=\"pt-cv-rmwrap\"><a href=\"https:\/\/www.dmsjuridica.com\/buscador_20179478954\/corteconstitucionalcronologico202454587\/t-729-13\/\" class=\"_self pt-cv-readmore btn btn-success\" target=\"_self\">Ver Sentencia Completa...<\/a><\/div><\/div><\/div><\/div>\n<div class=\"col-md-12 col-sm-12 col-xs-12 pt-cv-content-item pt-cv-1-col\" ><div class='pt-cv-ifield'><a href=\"https:\/\/www.dmsjuridica.com\/buscador_20179478954\/corteconstitucionalcronologico202454587\/t-728-13\/\" class=\"_self pt-cv-href-thumbnail pt-cv-thumb-default\" target=\"_self\" ><\/a>\n<div class=\"pt-cv-taxoterm above_title\"><a href='https:\/\/www.dmsjuridica.com\/buscador_20179478954\/corteconstitucionalcronologico202454587\/category\/buscar-en-toda-la-corte\/2013\/tutelas-2013\/' title='Tutelas 2013' class='pt-cv-tax-tutelas-2013'>Tutelas 2013<\/a><\/div>\n<h4 class=\"pt-cv-title\"><a href=\"https:\/\/www.dmsjuridica.com\/buscador_20179478954\/corteconstitucionalcronologico202454587\/t-728-13\/\" class=\"_self\" target=\"_self\" >T-728-13<\/a><\/h4>\n<div class=\"pt-cv-content\">\u00a0 \u00a0 \u00a0 \u00a0 \u00a0 \u00a0T-728-13 \u00a0 \u00a0 \u00a0 \u00a0 \u00a0 \u00a0\u00a0 Sentencia T-728\/13 \u00a0 \u00a0 USUARIOS DEL SISTEMA DE \u00a0 SEGURIDAD SOCIAL EN SALUD-Tienen derecho a acceder a los servicios de salud que \u00a0 requieran, est\u00e9n o no incluidos en el Pos\/REGLAS JURISPRUDENCIALES SOBRE \u00a0 PROCEDENCIA DE ACCION DE TUTELA PARA OBTENER PRESTACIONES EXCLUIDAS DEL POS-Reiteraci\u00f3n \u00a0 de jurisprudencia \u00a0 \u00a0 SUMINISTRO DE PA\u00d1ALES-Aplicaci\u00f3n del precedente y subreglas \u00a0 jurisprudenciales \u00a0 \u00a0 SUMINISTRO DE \u00a0 PA\u00d1ALES EXCLUIDOS DEL POS-Presupuestos jurisprudenciales \u00a0 \u00a0 PRINCIPIO DE \u00a0 IGUALDAD-Autoridades judiciales deben resolver casos iguales aplicando \u00a0 reglas iguales \u00a0 \u00a0 DERECHO DE ...<br \/><div class=\"pt-cv-rmwrap\"><a href=\"https:\/\/www.dmsjuridica.com\/buscador_20179478954\/corteconstitucionalcronologico202454587\/t-728-13\/\" class=\"_self pt-cv-readmore btn btn-success\" target=\"_self\">Ver Sentencia Completa...<\/a><\/div><\/div><\/div><\/div>\n<div class=\"col-md-12 col-sm-12 col-xs-12 pt-cv-content-item pt-cv-1-col\" ><div class='pt-cv-ifield'><a href=\"https:\/\/www.dmsjuridica.com\/buscador_20179478954\/corteconstitucionalcronologico202454587\/t-727-13\/\" class=\"_self pt-cv-href-thumbnail pt-cv-thumb-default\" target=\"_self\" ><\/a>\n<div class=\"pt-cv-taxoterm above_title\"><a href='https:\/\/www.dmsjuridica.com\/buscador_20179478954\/corteconstitucionalcronologico202454587\/category\/buscar-en-toda-la-corte\/2013\/tutelas-2013\/' title='Tutelas 2013' class='pt-cv-tax-tutelas-2013'>Tutelas 2013<\/a><\/div>\n<h4 class=\"pt-cv-title\"><a href=\"https:\/\/www.dmsjuridica.com\/buscador_20179478954\/corteconstitucionalcronologico202454587\/t-727-13\/\" class=\"_self\" target=\"_self\" >T-727-13<\/a><\/h4>\n<div class=\"pt-cv-content\">\u00a0 \u00a0 \u00a0 \u00a0 \u00a0 \u00a0T-727-13 \u00a0 \u00a0 \u00a0 \u00a0 \u00a0 \u00a0\u00a0 Sentencia T-727\/13 \u00a0 \u00a0 (Bogot\u00e1, D.C., octubre \u00a0 17) \u00a0 \u00a0 ACCION DE TUTELA CONTRA \u00a0 PROVIDENCIAS JUDICIALES-Requisitos generales y especiales de procedibilidad \u00a0 \u00a0 CARACTERIZACION DEL DEFECTO \u00a0 MATERIAL O SUSTANTIVO COMO CAUSAL DE PROCEDIBILIDAD DE LA ACCION DE TUTELA \u00a0 CONTRA PROVIDENCIAS JUDICIALES-Reiteraci\u00f3n de jurisprudencia \u00a0 \u00a0 CARACTERIZACION DEL DEFECTO \u00a0 FACTICO COMO CAUSAL ESPECIFICA DE PROCEDIBILIDAD DE LA ACCION DE TUTELA CONTRA \u00a0 PROVIDENCIAS JUDICIALES \u00a0 \u00a0 El defecto factico es una anomal\u00eda protuberante y \u00a0 excepcional que puede presentarse en cualquier proceso judicial y ...<br \/><div class=\"pt-cv-rmwrap\"><a href=\"https:\/\/www.dmsjuridica.com\/buscador_20179478954\/corteconstitucionalcronologico202454587\/t-727-13\/\" class=\"_self pt-cv-readmore btn btn-success\" target=\"_self\">Ver Sentencia Completa...<\/a><\/div><\/div><\/div><\/div>\n<div class=\"col-md-12 col-sm-12 col-xs-12 pt-cv-content-item pt-cv-1-col\" ><div class='pt-cv-ifield'><a href=\"https:\/\/www.dmsjuridica.com\/buscador_20179478954\/corteconstitucionalcronologico202454587\/t-726-13\/\" class=\"_self pt-cv-href-thumbnail pt-cv-thumb-default\" target=\"_self\" ><\/a>\n<div class=\"pt-cv-taxoterm above_title\"><a href='https:\/\/www.dmsjuridica.com\/buscador_20179478954\/corteconstitucionalcronologico202454587\/category\/buscar-en-toda-la-corte\/2013\/tutelas-2013\/' title='Tutelas 2013' class='pt-cv-tax-tutelas-2013'>Tutelas 2013<\/a><\/div>\n<h4 class=\"pt-cv-title\"><a href=\"https:\/\/www.dmsjuridica.com\/buscador_20179478954\/corteconstitucionalcronologico202454587\/t-726-13\/\" class=\"_self\" target=\"_self\" >T-726-13<\/a><\/h4>\n<div class=\"pt-cv-content\">\u00a0 \u00a0 \u00a0 \u00a0 \u00a0 \u00a0T-726-13 \u00a0 \u00a0 \u00a0 \u00a0 \u00a0 \u00a0\u00a0 Sentencia T-726\/13 \u00a0 \u00a0 (Bogot\u00e1 D. C., \u00a0 octubre 17) \u00a0 \u00a0 INOPONIBILIDAD DE LA MORA \u00a0 PATRONAL PARA RECONOCIMIENTO DE PENSION DE VEJEZ-Reiteraci\u00f3n de \u00a0 jurisprudencia \u00a0 \u00a0 PENSION DE VEJEZ Y MORA EN EL \u00a0 PAGO DE LOS APORTES POR PARTE DEL EMPLEADOR-Afiliado o beneficiario no debe \u00a0 soportar la mora en el traslado de los aportes al sistema ni la inacci\u00f3n de \u00a0 Colpensiones o las administradoras de fondos de pensiones en el cobro \u00a0 \u00a0 Esta \u00a0 Corte ha establecido en varias oportunidades que ...<br \/><div class=\"pt-cv-rmwrap\"><a href=\"https:\/\/www.dmsjuridica.com\/buscador_20179478954\/corteconstitucionalcronologico202454587\/t-726-13\/\" class=\"_self pt-cv-readmore btn btn-success\" target=\"_self\">Ver Sentencia Completa...<\/a><\/div><\/div><\/div><\/div>\n<div class=\"col-md-12 col-sm-12 col-xs-12 pt-cv-content-item pt-cv-1-col\" ><div class='pt-cv-ifield'><a href=\"https:\/\/www.dmsjuridica.com\/buscador_20179478954\/corteconstitucionalcronologico202454587\/t-725-13\/\" class=\"_self pt-cv-href-thumbnail pt-cv-thumb-default\" target=\"_self\" ><\/a>\n<div class=\"pt-cv-taxoterm above_title\"><a href='https:\/\/www.dmsjuridica.com\/buscador_20179478954\/corteconstitucionalcronologico202454587\/category\/buscar-en-toda-la-corte\/2013\/tutelas-2013\/' title='Tutelas 2013' class='pt-cv-tax-tutelas-2013'>Tutelas 2013<\/a><\/div>\n<h4 class=\"pt-cv-title\"><a href=\"https:\/\/www.dmsjuridica.com\/buscador_20179478954\/corteconstitucionalcronologico202454587\/t-725-13\/\" class=\"_self\" target=\"_self\" >T-725-13<\/a><\/h4>\n<div class=\"pt-cv-content\">\u00a0 \u00a0 \u00a0 \u00a0 \u00a0 \u00a0T-725-13 \u00a0 \u00a0 \u00a0 \u00a0 \u00a0 \u00a0\u00a0 Sentencia T-725\/13 \u00a0 \u00a0 (Bogot\u00e1, D.C., \u00a0 octubre 17) \u00a0 \u00a0 INDEMNIZACION SUSTITUTIVA Y \u00a0 DEVOLUCION DE SALDOS EN EL SISTEMA DE SEGURIDAD SOCIAL INTEGRAL-Reiteraci\u00f3n \u00a0 de jurisprudencia \u00a0 \u00a0 Todas las personas que cuentan con la edad exigida pero no \u00a0 re\u00fanen las semanas exigidas para acceder a la pensi\u00f3n de vejez tienen derecho al \u00a0 reconocimiento de la indemnizaci\u00f3n sustitutiva de la pensi\u00f3n de vejez, sin \u00a0 importar si se encontraban afiliadas al Sistema de Seguridad Social Integral al \u00a0 momento de entrada en vigencia de ...<br \/><div class=\"pt-cv-rmwrap\"><a href=\"https:\/\/www.dmsjuridica.com\/buscador_20179478954\/corteconstitucionalcronologico202454587\/t-725-13\/\" class=\"_self pt-cv-readmore btn btn-success\" target=\"_self\">Ver Sentencia Completa...<\/a><\/div><\/div><\/div><\/div>\n<div class=\"col-md-12 col-sm-12 col-xs-12 pt-cv-content-item pt-cv-1-col\" ><div class='pt-cv-ifield'><a href=\"https:\/\/www.dmsjuridica.com\/buscador_20179478954\/corteconstitucionalcronologico202454587\/t-724-13\/\" class=\"_self pt-cv-href-thumbnail pt-cv-thumb-default\" target=\"_self\" ><\/a>\n<div class=\"pt-cv-taxoterm above_title\"><a href='https:\/\/www.dmsjuridica.com\/buscador_20179478954\/corteconstitucionalcronologico202454587\/category\/buscar-en-toda-la-corte\/2013\/tutelas-2013\/' title='Tutelas 2013' class='pt-cv-tax-tutelas-2013'>Tutelas 2013<\/a><\/div>\n<h4 class=\"pt-cv-title\"><a href=\"https:\/\/www.dmsjuridica.com\/buscador_20179478954\/corteconstitucionalcronologico202454587\/t-724-13\/\" class=\"_self\" target=\"_self\" >T-724-13<\/a><\/h4>\n<div class=\"pt-cv-content\">\u00a0 \u00a0 \u00a0 \u00a0 \u00a0 \u00a0T-724-13 \u00a0 \u00a0 \u00a0 \u00a0 \u00a0 \u00a0\u00a0 Sentencia T-724\/13 \u00a0 \u00a0 (Bogot\u00e1, D.C., \u00a0 octubre 17) \u00a0 \u00a0 ACCION DE TUTELA CONTRA CAJANAL \u00a0 EN MATERIA DE RELIQUIDACION PENSIONAL-Improcedencia por existir otro medio \u00a0 de defensa judicial \u00a0 \u00a0 En materia de reliquidaci\u00f3n de pensiones, por regla \u00a0 general la acci\u00f3n de tutela resulta improcedente, en tanto, las controversias \u00a0 relacionadas con la seguridad social, pueden ser resueltas a trav\u00e9s de los \u00a0 medios de defensa que ofrece el ordenamiento jur\u00eddico, los cuales pueden ser de \u00a0 tipo administrativo o judicial. En ese sentido, la ...<br \/><div class=\"pt-cv-rmwrap\"><a href=\"https:\/\/www.dmsjuridica.com\/buscador_20179478954\/corteconstitucionalcronologico202454587\/t-724-13\/\" class=\"_self pt-cv-readmore btn btn-success\" target=\"_self\">Ver Sentencia Completa...<\/a><\/div><\/div><\/div><\/div>\n<div class=\"col-md-12 col-sm-12 col-xs-12 pt-cv-content-item pt-cv-1-col\" ><div class='pt-cv-ifield'><a href=\"https:\/\/www.dmsjuridica.com\/buscador_20179478954\/corteconstitucionalcronologico202454587\/t-723-13\/\" class=\"_self pt-cv-href-thumbnail pt-cv-thumb-default\" target=\"_self\" ><\/a>\n<div class=\"pt-cv-taxoterm above_title\"><a href='https:\/\/www.dmsjuridica.com\/buscador_20179478954\/corteconstitucionalcronologico202454587\/category\/buscar-en-toda-la-corte\/2013\/tutelas-2013\/' title='Tutelas 2013' class='pt-cv-tax-tutelas-2013'>Tutelas 2013<\/a><\/div>\n<h4 class=\"pt-cv-title\"><a href=\"https:\/\/www.dmsjuridica.com\/buscador_20179478954\/corteconstitucionalcronologico202454587\/t-723-13\/\" class=\"_self\" target=\"_self\" >T-723-13<\/a><\/h4>\n<div class=\"pt-cv-content\">\u00a0 \u00a0 \u00a0 \u00a0 \u00a0 \u00a0T-723-13 \u00a0 \u00a0 \u00a0 \u00a0 \u00a0 \u00a0\u00a0 Sentencia T-723\/13 \u00a0 \u00a0 (Bogot\u00e1, \u00a0 D.C., Octubre 17) \u00a0 \u00a0 DERECHO AL \u00a0 DEBIDO PROCESO-Finalidad \u00a0 \u00a0 DEBIDO PROCESO \u00a0 ADMINISTRATIVO EN CONCURSO DE MERITOS-Convocatoria \u00a0 como ley del concurso \u00a0 \u00a0 DERECHO A LA \u00a0 IGUALDAD-Alcance y contenido \u00a0 \u00a0 Seg\u00fan la jurisprudencia constitucional, \u00a0 la igualdad cumple un triple papel en nuestro ordenamiento constitucional pues \u00a0 ha sido considerada un valor, un principio y un derecho fundamental. Este \u00a0 m\u00faltiple car\u00e1cter se deriva por una parte de su consagraci\u00f3n en el pre\u00e1mbulo de \u00a0 la ...<br \/><div class=\"pt-cv-rmwrap\"><a href=\"https:\/\/www.dmsjuridica.com\/buscador_20179478954\/corteconstitucionalcronologico202454587\/t-723-13\/\" class=\"_self pt-cv-readmore btn btn-success\" target=\"_self\">Ver Sentencia Completa...<\/a><\/div><\/div><\/div><\/div>\n<div class=\"col-md-12 col-sm-12 col-xs-12 pt-cv-content-item pt-cv-1-col\" ><div class='pt-cv-ifield'><a href=\"https:\/\/www.dmsjuridica.com\/buscador_20179478954\/corteconstitucionalcronologico202454587\/t-722-13\/\" class=\"_self pt-cv-href-thumbnail pt-cv-thumb-default\" target=\"_self\" ><\/a>\n<div class=\"pt-cv-taxoterm above_title\"><a href='https:\/\/www.dmsjuridica.com\/buscador_20179478954\/corteconstitucionalcronologico202454587\/category\/buscar-en-toda-la-corte\/2013\/tutelas-2013\/' title='Tutelas 2013' class='pt-cv-tax-tutelas-2013'>Tutelas 2013<\/a><\/div>\n<h4 class=\"pt-cv-title\"><a href=\"https:\/\/www.dmsjuridica.com\/buscador_20179478954\/corteconstitucionalcronologico202454587\/t-722-13\/\" class=\"_self\" target=\"_self\" >T-722-13<\/a><\/h4>\n<div class=\"pt-cv-content\">\u00a0 \u00a0 \u00a0 \u00a0 \u00a0 \u00a0T-722-13 \u00a0 \u00a0 \u00a0 \u00a0 \u00a0 \u00a0\u00a0 Sentencia T-722\/13 \u00a0 \u00a0 CARENCIA ACTUAL DE OBJETO POR DA\u00d1O CONSUMADO-Fallecimiento de uno de los accionantes, quien \u00a0 solicit\u00f3 a IBM reconocer pensi\u00f3n de jubilaci\u00f3n y continuar con plan \u00a0 m\u00e9dico-asistencial de salud \u00a0 \u00a0 Los presupuestos para que la acci\u00f3n de \u00a0 tutela proceda contra particulares se dan (i) cuando est\u00e1 encargado de la \u00a0 prestaci\u00f3n de un servicio p\u00fablico; (ii)\u00a0cuando su conducta afecta grave y \u00a0 directamente el inter\u00e9s colectivo y; (iii) en aquellos eventos en los cuales el \u00a0 accionante se encuentra en estado de ...<br \/><div class=\"pt-cv-rmwrap\"><a href=\"https:\/\/www.dmsjuridica.com\/buscador_20179478954\/corteconstitucionalcronologico202454587\/t-722-13\/\" class=\"_self pt-cv-readmore btn btn-success\" target=\"_self\">Ver Sentencia Completa...<\/a><\/div><\/div><\/div><\/div>\n<div class=\"col-md-12 col-sm-12 col-xs-12 pt-cv-content-item pt-cv-1-col\" ><div class='pt-cv-ifield'><a href=\"https:\/\/www.dmsjuridica.com\/buscador_20179478954\/corteconstitucionalcronologico202454587\/t-721-13\/\" class=\"_self pt-cv-href-thumbnail pt-cv-thumb-default\" target=\"_self\" ><\/a>\n<div class=\"pt-cv-taxoterm above_title\"><a href='https:\/\/www.dmsjuridica.com\/buscador_20179478954\/corteconstitucionalcronologico202454587\/category\/buscar-en-toda-la-corte\/2013\/tutelas-2013\/' title='Tutelas 2013' class='pt-cv-tax-tutelas-2013'>Tutelas 2013<\/a><\/div>\n<h4 class=\"pt-cv-title\"><a href=\"https:\/\/www.dmsjuridica.com\/buscador_20179478954\/corteconstitucionalcronologico202454587\/t-721-13\/\" class=\"_self\" target=\"_self\" >T-721-13<\/a><\/h4>\n<div class=\"pt-cv-content\">Sentencia T-721\/13 \u00a0 \u00a0 ACCION DE TUTELA CONTRA ACTUACIONES DE \u00a0 AUTORIDADES DE POLICIA EN EL CURSO DE UN PROCESO POLICIVO-Procedencia por vulneraci\u00f3n de derechos \u00a0 fundamentales en orden de desalojo \u00a0 \u00a0 PROCESO DE LANZAMIENTO POR OCUPACION DE HECHO-Procedencia de tutela por no existir recurso ante la \u00a0 jurisdicci\u00f3n contencioso administrativa de procesos policivos de desalojo \u00a0 \u00a0 DERECHOS DE LA POBLACION DESPLAZADA EN MATERIA DE \u00a0 DESALOJO FORZOSO \u00a0 \u00a0 La Corte ha aclarado que en trat\u00e1ndose de desalojos de sujetos \u00a0 desplazados por la violencia, el juez constitucional puede examinar de fondo el \u00a0 asunto sin realizar ...<br \/><div class=\"pt-cv-rmwrap\"><a href=\"https:\/\/www.dmsjuridica.com\/buscador_20179478954\/corteconstitucionalcronologico202454587\/t-721-13\/\" class=\"_self pt-cv-readmore btn btn-success\" target=\"_self\">Ver Sentencia Completa...<\/a><\/div><\/div><\/div><\/div>\n<div class=\"col-md-12 col-sm-12 col-xs-12 pt-cv-content-item pt-cv-1-col\" ><div class='pt-cv-ifield'><a href=\"https:\/\/www.dmsjuridica.com\/buscador_20179478954\/corteconstitucionalcronologico202454587\/t-720-13\/\" class=\"_self pt-cv-href-thumbnail pt-cv-thumb-default\" target=\"_self\" ><\/a>\n<div class=\"pt-cv-taxoterm above_title\"><a href='https:\/\/www.dmsjuridica.com\/buscador_20179478954\/corteconstitucionalcronologico202454587\/category\/buscar-en-toda-la-corte\/2013\/tutelas-2013\/' title='Tutelas 2013' class='pt-cv-tax-tutelas-2013'>Tutelas 2013<\/a><\/div>\n<h4 class=\"pt-cv-title\"><a href=\"https:\/\/www.dmsjuridica.com\/buscador_20179478954\/corteconstitucionalcronologico202454587\/t-720-13\/\" class=\"_self\" target=\"_self\" >T-720-13<\/a><\/h4>\n<div class=\"pt-cv-content\">\u00a0 \u00a0 \u00a0 \u00a0 \u00a0 \u00a0T-720-13 \u00a0 \u00a0 \u00a0 \u00a0 \u00a0 \u00a0\u00a0 Sentencia T-720\/13 \u00a0 \u00a0 ACCION DE \u00a0 TUTELA CONTRA COMPA\u00d1IA DE SEGUROS DE VIDA-Procedencia para el pago de p\u00f3liza \u00a0 cuando se trata de sujetos de especial protecci\u00f3n constitucional y los medios \u00a0 ordinarios no son id\u00f3neos\/ACCION DE TUTELA CONTRA PARTICULARES EN EL MARCO DE \u00a0 RELACIONES CONTRACTUALES-Procedencia excepcional para evitar perjuicio \u00a0 irremediable \u00a0 \u00a0 La acci\u00f3n de tutela es improcedente para decidir\u00a0 \u00a0 las controversias de car\u00e1cter contractual.\u00a0 Solo de manera excepcional y de \u00a0 conformidad con las circunstancias particulares de cada caso en concreto ser\u00e1 ...<br \/><div class=\"pt-cv-rmwrap\"><a href=\"https:\/\/www.dmsjuridica.com\/buscador_20179478954\/corteconstitucionalcronologico202454587\/t-720-13\/\" class=\"_self pt-cv-readmore btn btn-success\" target=\"_self\">Ver Sentencia Completa...<\/a><\/div><\/div><\/div><\/div>\n<div class=\"col-md-12 col-sm-12 col-xs-12 pt-cv-content-item pt-cv-1-col\" ><div class='pt-cv-ifield'><a href=\"https:\/\/www.dmsjuridica.com\/buscador_20179478954\/corteconstitucionalcronologico202454587\/t-719-13\/\" class=\"_self pt-cv-href-thumbnail pt-cv-thumb-default\" target=\"_self\" ><\/a>\n<div class=\"pt-cv-taxoterm above_title\"><a href='https:\/\/www.dmsjuridica.com\/buscador_20179478954\/corteconstitucionalcronologico202454587\/category\/buscar-en-toda-la-corte\/2013\/tutelas-2013\/' title='Tutelas 2013' class='pt-cv-tax-tutelas-2013'>Tutelas 2013<\/a><\/div>\n<h4 class=\"pt-cv-title\"><a href=\"https:\/\/www.dmsjuridica.com\/buscador_20179478954\/corteconstitucionalcronologico202454587\/t-719-13\/\" class=\"_self\" target=\"_self\" >T-719-13<\/a><\/h4>\n<div class=\"pt-cv-content\">\u00a0 \u00a0 \u00a0 \u00a0 \u00a0 \u00a0T-719-13 \u00a0 \u00a0 \u00a0 \u00a0 \u00a0 \u00a0\u00a0 Sentencia T-719\/13 \u00a0 \u00a0 ACCION DE TUTELA CONTRA PROVIDENCIAS JUDICIALES-Requisitos generales y especiales de procedibilidad \u00a0 \u00a0 PRINCIPIO DE INMEDIATEZ EN ACCION DE TUTELA CONTRA PROVIDENCIAS \u00a0 JUDICIALES-T\u00e9rmino razonable debe valorarse en cada \u00a0 caso concreto \u00a0 \u00a0 Si bien la \u00a0 Constituci\u00f3n y la ley no establecen un t\u00e9rmino expreso de caducidad, en la \u00a0 medida en que lo pretendido con el amparo es la protecci\u00f3n concreta y actual de \u00a0 un derecho fundamental, la jurisprudencia ha se\u00f1alado que le corresponde al juez \u00a0 constitucional \u2013en cada ...<br \/><div class=\"pt-cv-rmwrap\"><a href=\"https:\/\/www.dmsjuridica.com\/buscador_20179478954\/corteconstitucionalcronologico202454587\/t-719-13\/\" class=\"_self pt-cv-readmore btn btn-success\" target=\"_self\">Ver Sentencia Completa...<\/a><\/div><\/div><\/div><\/div>\n<div class=\"col-md-12 col-sm-12 col-xs-12 pt-cv-content-item pt-cv-1-col\" ><div class='pt-cv-ifield'><a href=\"https:\/\/www.dmsjuridica.com\/buscador_20179478954\/corteconstitucionalcronologico202454587\/t-718-13\/\" class=\"_self pt-cv-href-thumbnail pt-cv-thumb-default\" target=\"_self\" ><\/a>\n<div class=\"pt-cv-taxoterm above_title\"><a href='https:\/\/www.dmsjuridica.com\/buscador_20179478954\/corteconstitucionalcronologico202454587\/category\/buscar-en-toda-la-corte\/2013\/tutelas-2013\/' title='Tutelas 2013' class='pt-cv-tax-tutelas-2013'>Tutelas 2013<\/a><\/div>\n<h4 class=\"pt-cv-title\"><a href=\"https:\/\/www.dmsjuridica.com\/buscador_20179478954\/corteconstitucionalcronologico202454587\/t-718-13\/\" class=\"_self\" target=\"_self\" >T-718-13<\/a><\/h4>\n<div class=\"pt-cv-content\">\u00a0 \u00a0 \u00a0 \u00a0 \u00a0 \u00a0T-718-13 \u00a0 \u00a0 \u00a0 \u00a0 \u00a0 \u00a0\u00a0 Sentencia T-718\/13 \u00a0 \u00a0\u00a0 ACTUACION \u00a0 JUDICIAL-Presupuestos de legitimidad \u00a0 \u00a0 La \u00a0 jurisprudencia de esta Corte ha establecido dos presupuestos b\u00e1sicos para \u00a0 determinar si una actuaci\u00f3n judicial goza de legitimidad desde el punto de vista \u00a0 constitucional, a saber: (i) que el procedimiento surtido para adoptar una \u00a0 decisi\u00f3n haya preservado las garant\u00edas propias del debido proceso, de las que \u00a0 son titulares los sujetos procesales; y, (ii) que la decisi\u00f3n judicial sea \u00a0 compatible con el conjunto de valores, principios y derechos previstos por la ...<br \/><div class=\"pt-cv-rmwrap\"><a href=\"https:\/\/www.dmsjuridica.com\/buscador_20179478954\/corteconstitucionalcronologico202454587\/t-718-13\/\" class=\"_self pt-cv-readmore btn btn-success\" target=\"_self\">Ver Sentencia Completa...<\/a><\/div><\/div><\/div><\/div>\n<div class=\"col-md-12 col-sm-12 col-xs-12 pt-cv-content-item pt-cv-1-col\" ><div class='pt-cv-ifield'><a href=\"https:\/\/www.dmsjuridica.com\/buscador_20179478954\/corteconstitucionalcronologico202454587\/t-717-13\/\" class=\"_self pt-cv-href-thumbnail pt-cv-thumb-default\" target=\"_self\" ><\/a>\n<div class=\"pt-cv-taxoterm above_title\"><a href='https:\/\/www.dmsjuridica.com\/buscador_20179478954\/corteconstitucionalcronologico202454587\/category\/buscar-en-toda-la-corte\/2013\/tutelas-2013\/' title='Tutelas 2013' class='pt-cv-tax-tutelas-2013'>Tutelas 2013<\/a><\/div>\n<h4 class=\"pt-cv-title\"><a href=\"https:\/\/www.dmsjuridica.com\/buscador_20179478954\/corteconstitucionalcronologico202454587\/t-717-13\/\" class=\"_self\" target=\"_self\" >T-717-13<\/a><\/h4>\n<div class=\"pt-cv-content\">\u00a0 \u00a0 \u00a0 \u00a0 \u00a0 \u00a0T-717-13 \u00a0 \u00a0 \u00a0 \u00a0 \u00a0 \u00a0\u00a0 Sentencia T-717\/13 \u00a0 \u00a0 PRINCIPIO DE SUBSIDIARIEDAD DE LA \u00a0 ACCION DE TUTELA-Procedencia \u00a0 excepcional como mecanismo transitorio para evitar un perjuicio irremediable\/PRINCIPIO DE SUBSIDIARIEDAD-Excepciones \u00a0 \u00a0 El principio de subsidiariedad \u00a0 establece una regla general de procedibilidad de la acci\u00f3n de tutela que impone \u00a0 al actor el deber de acudir a las v\u00edas judiciales ordinarias para solicitar la \u00a0 protecci\u00f3n de sus derechos fundamentales. Este requisito evita que la tutela \u00a0 elimine de forma paulatina los medios jur\u00eddicos de defensa establecidos por la \u00a0 Ley.\u00a0 De ...<br \/><div class=\"pt-cv-rmwrap\"><a href=\"https:\/\/www.dmsjuridica.com\/buscador_20179478954\/corteconstitucionalcronologico202454587\/t-717-13\/\" class=\"_self pt-cv-readmore btn btn-success\" target=\"_self\">Ver Sentencia Completa...<\/a><\/div><\/div><\/div><\/div>\n<div class=\"col-md-12 col-sm-12 col-xs-12 pt-cv-content-item pt-cv-1-col\" ><div class='pt-cv-ifield'><a href=\"https:\/\/www.dmsjuridica.com\/buscador_20179478954\/corteconstitucionalcronologico202454587\/t-716-13\/\" class=\"_self pt-cv-href-thumbnail pt-cv-thumb-default\" target=\"_self\" ><\/a>\n<div class=\"pt-cv-taxoterm above_title\"><a href='https:\/\/www.dmsjuridica.com\/buscador_20179478954\/corteconstitucionalcronologico202454587\/category\/buscar-en-toda-la-corte\/2013\/tutelas-2013\/' title='Tutelas 2013' class='pt-cv-tax-tutelas-2013'>Tutelas 2013<\/a><\/div>\n<h4 class=\"pt-cv-title\"><a href=\"https:\/\/www.dmsjuridica.com\/buscador_20179478954\/corteconstitucionalcronologico202454587\/t-716-13\/\" class=\"_self\" target=\"_self\" >T-716-13<\/a><\/h4>\n<div class=\"pt-cv-content\">\u00a0 \u00a0 \u00a0 \u00a0 \u00a0 \u00a0T-716-13 \u00a0 \u00a0 \u00a0 \u00a0 \u00a0 \u00a0\u00a0 Sentencia T-716\/13 \u00a0 \u00a0 PRINCIPIO DE \u00a0 SUBSIDIARIEDAD DE LA ACCION DE TUTELA PARA ORDENAR REINTEGRO LABORAL DE SERVIDOR \u00a0 PUBLICO \u00a0 \u00a0 La Corte ha \u00a0 precisado que (i) por regla general, la acci\u00f3n de tutela es improcedente como \u00a0 mecanismo principal para la protecci\u00f3n de derechos fundamentales que resulten \u00a0 amenazados o vulnerados con ocasi\u00f3n de la expedici\u00f3n de actos administrativos, \u00a0 comoquiera que existen otros mecanismos tanto administrativos como judiciales \u00a0 para su defensa; (ii) que procede la acci\u00f3n de tutela como mecanismo transitorio \u00a0 ...<br \/><div class=\"pt-cv-rmwrap\"><a href=\"https:\/\/www.dmsjuridica.com\/buscador_20179478954\/corteconstitucionalcronologico202454587\/t-716-13\/\" class=\"_self pt-cv-readmore btn btn-success\" target=\"_self\">Ver Sentencia Completa...<\/a><\/div><\/div><\/div><\/div>\n<div class=\"col-md-12 col-sm-12 col-xs-12 pt-cv-content-item pt-cv-1-col\" ><div class='pt-cv-ifield'><a href=\"https:\/\/www.dmsjuridica.com\/buscador_20179478954\/corteconstitucionalcronologico202454587\/t-715-13\/\" class=\"_self pt-cv-href-thumbnail pt-cv-thumb-default\" target=\"_self\" ><\/a>\n<div class=\"pt-cv-taxoterm above_title\"><a href='https:\/\/www.dmsjuridica.com\/buscador_20179478954\/corteconstitucionalcronologico202454587\/category\/buscar-en-toda-la-corte\/2013\/tutelas-2013\/' title='Tutelas 2013' class='pt-cv-tax-tutelas-2013'>Tutelas 2013<\/a><\/div>\n<h4 class=\"pt-cv-title\"><a href=\"https:\/\/www.dmsjuridica.com\/buscador_20179478954\/corteconstitucionalcronologico202454587\/t-715-13\/\" class=\"_self\" target=\"_self\" >T-715-13<\/a><\/h4>\n<div class=\"pt-cv-content\">\u00a0 \u00a0 \u00a0 \u00a0 \u00a0 \u00a0T-715-13 \u00a0 \u00a0 \u00a0 \u00a0 \u00a0 \u00a0\u00a0 Sentencia T-715\/13 \u00a0 \u00a0 DERECHO A LA \u00a0 ESTABILIDAD LABORAL REFORZADA DE MUJER EMBARAZADA-Es aplicable a todas las \u00a0 trabajadoras sin importar la relaci\u00f3n laboral que se tenga o la modalidad del \u00a0 contrato \u00a0 \u00a0 MUJER \u00a0 TRABAJADORA EMBARAZADA-Protecci\u00f3n en disposiciones de derecho internacional \u00a0 \u00a0 DERECHO \u00a0 FUNDAMENTAL A LA ESTABILIDAD LABORAL REFORZADA DE MUJER EMBARAZADA Y DURANTE EL \u00a0 PERIODO DE LACTANCIA-Caso de mujeres en estado de gestaci\u00f3n que fueron \u00a0 desvinculadas de sus trabajos \u00a0 \u00a0 El derecho a la estabilidad laboral \u00a0 reforzada ...<br \/><div class=\"pt-cv-rmwrap\"><a href=\"https:\/\/www.dmsjuridica.com\/buscador_20179478954\/corteconstitucionalcronologico202454587\/t-715-13\/\" class=\"_self pt-cv-readmore btn btn-success\" target=\"_self\">Ver Sentencia Completa...<\/a><\/div><\/div><\/div><\/div>\n<div class=\"col-md-12 col-sm-12 col-xs-12 pt-cv-content-item pt-cv-1-col\" ><div class='pt-cv-ifield'><a href=\"https:\/\/www.dmsjuridica.com\/buscador_20179478954\/corteconstitucionalcronologico202454587\/t-714-13\/\" class=\"_self pt-cv-href-thumbnail pt-cv-thumb-default\" target=\"_self\" ><\/a>\n<div class=\"pt-cv-taxoterm above_title\"><a href='https:\/\/www.dmsjuridica.com\/buscador_20179478954\/corteconstitucionalcronologico202454587\/category\/buscar-en-toda-la-corte\/2013\/tutelas-2013\/' title='Tutelas 2013' class='pt-cv-tax-tutelas-2013'>Tutelas 2013<\/a><\/div>\n<h4 class=\"pt-cv-title\"><a href=\"https:\/\/www.dmsjuridica.com\/buscador_20179478954\/corteconstitucionalcronologico202454587\/t-714-13\/\" class=\"_self\" target=\"_self\" >T-714-13<\/a><\/h4>\n<div class=\"pt-cv-content\">\u00a0 \u00a0 \u00a0 \u00a0 \u00a0 \u00a0T-714-13 \u00a0 \u00a0 \u00a0 \u00a0 \u00a0 \u00a0\u00a0 Sentencia T-714\/13 \u00a0 \u00a0 ACCION DE TUTELA CONTRA PROVIDENCIAS \u00a0 JUDICIALES-Requisitos \u00a0 generales y especiales de procedibilidad \u00a0 \u00a0 CARACTERIZACION DEL DEFECTO MATERIAL O \u00a0 SUSTANTIVO COMO CAUSAL DE PROCEDIBILIDAD DE LA ACCION DE TUTELA CONTRA \u00a0 PROVIDENCIAS JUDICIALES-Reiteraci\u00f3n de jurisprudencia \u00a0 \u00a0 Frente a la configuraci\u00f3n del defecto sustantivo se \u00a0 reitera que, \u00a0 si bien es cierto, los jueces dentro de la esfera de sus competencias, cuentan \u00a0 con autonom\u00eda e independencia judicial para interpretar y aplicar las normas \u00a0 jur\u00eddicas, dicha facultad no es ning\u00fan ...<br \/><div class=\"pt-cv-rmwrap\"><a href=\"https:\/\/www.dmsjuridica.com\/buscador_20179478954\/corteconstitucionalcronologico202454587\/t-714-13\/\" class=\"_self pt-cv-readmore btn btn-success\" target=\"_self\">Ver Sentencia Completa...<\/a><\/div><\/div><\/div><\/div>\n<div class=\"col-md-12 col-sm-12 col-xs-12 pt-cv-content-item pt-cv-1-col\" ><div class='pt-cv-ifield'><a href=\"https:\/\/www.dmsjuridica.com\/buscador_20179478954\/corteconstitucionalcronologico202454587\/t-713-13\/\" class=\"_self pt-cv-href-thumbnail pt-cv-thumb-default\" target=\"_self\" ><\/a>\n<div class=\"pt-cv-taxoterm above_title\"><a href='https:\/\/www.dmsjuridica.com\/buscador_20179478954\/corteconstitucionalcronologico202454587\/category\/buscar-en-toda-la-corte\/2013\/tutelas-2013\/' title='Tutelas 2013' class='pt-cv-tax-tutelas-2013'>Tutelas 2013<\/a><\/div>\n<h4 class=\"pt-cv-title\"><a href=\"https:\/\/www.dmsjuridica.com\/buscador_20179478954\/corteconstitucionalcronologico202454587\/t-713-13\/\" class=\"_self\" target=\"_self\" >T-713-13<\/a><\/h4>\n<div class=\"pt-cv-content\">\u00a0 \u00a0 \u00a0 \u00a0 \u00a0 \u00a0T-713-13 \u00a0 \u00a0 \u00a0 \u00a0 \u00a0 \u00a0\u00a0 Sentencia \u00a0 T-713\/13 \u00a0 \u00a0 ACCION DE TUTELA CONTRA PROVIDENCIAS JUDICIALES-Requisitos generales y especiales de procedibilidad \u00a0 \u00a0 ACCION DE TUTELA CONTRA PROVIDENCIAS JUDICIALES-Evoluci\u00f3n jurisprudencial \u00a0 \u00a0 ACCION DE TUTELA CONTRA PROVIDENCIAS JUDICIALES-Procedencia excepcional para la protecci\u00f3n de derechos \u00a0 fundamentales \u00a0 \u00a0 Siempre que concurran los requisitos generales y por lo \u00a0 menos una de las causales espec\u00edficas de procedibilidad de la tutela contra las \u00a0 providencias judiciales, es procedente conceder la tutela como mecanismo \u00a0 excepcional por la vulneraci\u00f3n del derecho fundamental al debido proceso y ...<br \/><div class=\"pt-cv-rmwrap\"><a href=\"https:\/\/www.dmsjuridica.com\/buscador_20179478954\/corteconstitucionalcronologico202454587\/t-713-13\/\" class=\"_self pt-cv-readmore btn btn-success\" target=\"_self\">Ver Sentencia Completa...<\/a><\/div><\/div><\/div><\/div>\n<div class=\"col-md-12 col-sm-12 col-xs-12 pt-cv-content-item pt-cv-1-col\" ><div class='pt-cv-ifield'><a href=\"https:\/\/www.dmsjuridica.com\/buscador_20179478954\/corteconstitucionalcronologico202454587\/t-711-13\/\" class=\"_self pt-cv-href-thumbnail pt-cv-thumb-default\" target=\"_self\" ><\/a>\n<div class=\"pt-cv-taxoterm above_title\"><a href='https:\/\/www.dmsjuridica.com\/buscador_20179478954\/corteconstitucionalcronologico202454587\/category\/buscar-en-toda-la-corte\/2013\/tutelas-2013\/' title='Tutelas 2013' class='pt-cv-tax-tutelas-2013'>Tutelas 2013<\/a><\/div>\n<h4 class=\"pt-cv-title\"><a href=\"https:\/\/www.dmsjuridica.com\/buscador_20179478954\/corteconstitucionalcronologico202454587\/t-711-13\/\" class=\"_self\" target=\"_self\" >T-711-13<\/a><\/h4>\n<div class=\"pt-cv-content\">\u00a0 \u00a0 \u00a0 \u00a0 \u00a0 \u00a0T-711-13 \u00a0 \u00a0 \u00a0 \u00a0 \u00a0 \u00a0\u00a0 NOTA DE RELATORIA: \u00a0 Mediante auto de fecha 24 de noviembre de 2015 suscrito por el Magistrado Jorge \u00a0 Iv\u00e1n Palacio Palacio, el cual se anexa a la presente providencia, se corrige el \u00a0 salvamento de voto presentado por el mencionado Magistrado \u00a0 \u00a0 Sentencia T-711\/13 \u00a0 \u00a0 ACCION DE TUTELA CONTRA PROVIDENCIAS JUDICIALES-Requisitos generales y especiales de procedibilidad \u00a0 \u00a0 ACCION DE TUTELA CONTRA PROVIDENCIAS JUDICIALES-Relevancia constitucional del requisito general de subsidiariedad \u00a0 para su procedencia excepcional \u00a0 \u00a0 ACCION DE REVISION-Procedencia contra \u00a0 sentencias condenatorias \u00a0 ...<br \/><div class=\"pt-cv-rmwrap\"><a href=\"https:\/\/www.dmsjuridica.com\/buscador_20179478954\/corteconstitucionalcronologico202454587\/t-711-13\/\" class=\"_self pt-cv-readmore btn btn-success\" target=\"_self\">Ver Sentencia Completa...<\/a><\/div><\/div><\/div><\/div>\n<div class=\"col-md-12 col-sm-12 col-xs-12 pt-cv-content-item pt-cv-1-col\" ><div class='pt-cv-ifield'><a href=\"https:\/\/www.dmsjuridica.com\/buscador_20179478954\/corteconstitucionalcronologico202454587\/t-710-13\/\" class=\"_self pt-cv-href-thumbnail pt-cv-thumb-default\" target=\"_self\" ><\/a>\n<div class=\"pt-cv-taxoterm above_title\"><a href='https:\/\/www.dmsjuridica.com\/buscador_20179478954\/corteconstitucionalcronologico202454587\/category\/buscar-en-toda-la-corte\/2013\/tutelas-2013\/' title='Tutelas 2013' class='pt-cv-tax-tutelas-2013'>Tutelas 2013<\/a><\/div>\n<h4 class=\"pt-cv-title\"><a href=\"https:\/\/www.dmsjuridica.com\/buscador_20179478954\/corteconstitucionalcronologico202454587\/t-710-13\/\" class=\"_self\" target=\"_self\" >T-710-13<\/a><\/h4>\n<div class=\"pt-cv-content\">\u00a0 \u00a0 \u00a0 \u00a0 \u00a0 \u00a0T-710-13 \u00a0 \u00a0 \u00a0 \u00a0 \u00a0 \u00a0\u00a0 Sentencia T-710\/13 \u00a0 \u00a0 REGLAS DE COMPETENCIA EN MATERIA DE TUTELA-Establecidas solamente en el art\u00edculo 86 Superior y en \u00a0 el art\u00edculo 37 del Decreto 2591 de 1991 \u00a0 \u00a0 En diversas ocasiones esta Corte se ha ocupado de \u00a0 establecer que las \u00fanicas normas que precisan los factores de competencia, en \u00a0 trat\u00e1ndose de la acci\u00f3n de tutela, son los art\u00edculos 86 de la Constituci\u00f3n \u00a0 Pol\u00edtica y 37 del Decreto 2591 de 1991.\u00a0 El primero de ellos dispone que el \u00a0 amparo puede solicitarse \u201cante los ...<br \/><div class=\"pt-cv-rmwrap\"><a href=\"https:\/\/www.dmsjuridica.com\/buscador_20179478954\/corteconstitucionalcronologico202454587\/t-710-13\/\" class=\"_self pt-cv-readmore btn btn-success\" target=\"_self\">Ver Sentencia Completa...<\/a><\/div><\/div><\/div><\/div>\n<div class=\"col-md-12 col-sm-12 col-xs-12 pt-cv-content-item pt-cv-1-col\" ><div class='pt-cv-ifield'><a href=\"https:\/\/www.dmsjuridica.com\/buscador_20179478954\/corteconstitucionalcronologico202454587\/t-709-13\/\" class=\"_self pt-cv-href-thumbnail pt-cv-thumb-default\" target=\"_self\" ><\/a>\n<div class=\"pt-cv-taxoterm above_title\"><a href='https:\/\/www.dmsjuridica.com\/buscador_20179478954\/corteconstitucionalcronologico202454587\/category\/buscar-en-toda-la-corte\/2013\/tutelas-2013\/' title='Tutelas 2013' class='pt-cv-tax-tutelas-2013'>Tutelas 2013<\/a><\/div>\n<h4 class=\"pt-cv-title\"><a href=\"https:\/\/www.dmsjuridica.com\/buscador_20179478954\/corteconstitucionalcronologico202454587\/t-709-13\/\" class=\"_self\" target=\"_self\" >T-709-13<\/a><\/h4>\n<div class=\"pt-cv-content\">\u00a0 \u00a0 \u00a0 \u00a0 \u00a0 \u00a0T-709-13 \u00a0 \u00a0 \u00a0 \u00a0 \u00a0 \u00a0\u00a0 Sentencia T-709\/13 \u00a0 \u00a0 RELACIONES DE \u00a0 ESPECIAL SUJECION ENTRE LOS INTERNOS Y EL ESTADO-Respeto por la dignidad \u00a0 humana de personas privadas de la libertad \u00a0 \u00a0 DERECHO A LA \u00a0 VISITA INTIMA EN ESTABLECIMIENTO CARCELARIO-Regulaci\u00f3n \u00a0 \u00a0 DERECHO A LA \u00a0 VISITA INTIMA DE PERSONA PRIVADA DE LA LIBERTAD-Garant\u00eda para las parejas \u00a0 del mismo sexo \u00a0 \u00a0 Es amplio el desarrollo \u00a0 jurisprudencial de esta corporaci\u00f3n a trav\u00e9s del cual se han consolidado los \u00a0 derechos de las parejas del mismo sexo. Acceder a garant\u00edas ...<br \/><div class=\"pt-cv-rmwrap\"><a href=\"https:\/\/www.dmsjuridica.com\/buscador_20179478954\/corteconstitucionalcronologico202454587\/t-709-13\/\" class=\"_self pt-cv-readmore btn btn-success\" target=\"_self\">Ver Sentencia Completa...<\/a><\/div><\/div><\/div><\/div>\n<div class=\"col-md-12 col-sm-12 col-xs-12 pt-cv-content-item pt-cv-1-col\" ><div class='pt-cv-ifield'><a href=\"https:\/\/www.dmsjuridica.com\/buscador_20179478954\/corteconstitucionalcronologico202454587\/t-708-13\/\" class=\"_self pt-cv-href-thumbnail pt-cv-thumb-default\" target=\"_self\" ><\/a>\n<div class=\"pt-cv-taxoterm above_title\"><a href='https:\/\/www.dmsjuridica.com\/buscador_20179478954\/corteconstitucionalcronologico202454587\/category\/buscar-en-toda-la-corte\/2013\/tutelas-2013\/' title='Tutelas 2013' class='pt-cv-tax-tutelas-2013'>Tutelas 2013<\/a><\/div>\n<h4 class=\"pt-cv-title\"><a href=\"https:\/\/www.dmsjuridica.com\/buscador_20179478954\/corteconstitucionalcronologico202454587\/t-708-13\/\" class=\"_self\" target=\"_self\" >T-708-13<\/a><\/h4>\n<div class=\"pt-cv-content\">\u00a0 \u00a0 \u00a0 \u00a0 \u00a0 \u00a0T-708-13 \u00a0 \u00a0 \u00a0 \u00a0 \u00a0 \u00a0\u00a0 ACCION DE TUTELA CONTRA PROVIDENCIAS JUDICIALES-Requisitos \u00a0 generales y especiales de procedibilidad \u00a0 \u00a0 DESCONOCIMIENTO DEL PRECEDENTE COMO CAUSAL ESPECIFICA DE PROCEDIBILIDAD DE LA \u00a0 ACCION DE TUTELA CONTRA PROVIDENCIAS JUDICIALES-Reiteraci\u00f3n de jurisprudencia \u00a0 \u00a0 PRECEDENTE JUDICIAL-Jueces \u00a0 pueden apartarse si exponen razones que justifiquen su decisi\u00f3n \u00a0 \u00a0 Las autoridades judiciales pueden apartarse del \u00a0 precedente en algunas circunstancias en virtud de la autonom\u00eda que les reconoce \u00a0 la Constituci\u00f3n Pol\u00edtica, empero tal alternativa siempre estar\u00e1 sometida a \u00a0 requisitos estrictos, como: i) presentar de forma expl\u00edcita ...<br \/><div class=\"pt-cv-rmwrap\"><a href=\"https:\/\/www.dmsjuridica.com\/buscador_20179478954\/corteconstitucionalcronologico202454587\/t-708-13\/\" class=\"_self pt-cv-readmore btn btn-success\" target=\"_self\">Ver Sentencia Completa...<\/a><\/div><\/div><\/div><\/div>\n<div class=\"col-md-12 col-sm-12 col-xs-12 pt-cv-content-item pt-cv-1-col\" ><div class='pt-cv-ifield'><a href=\"https:\/\/www.dmsjuridica.com\/buscador_20179478954\/corteconstitucionalcronologico202454587\/t-707-13\/\" class=\"_self pt-cv-href-thumbnail pt-cv-thumb-default\" target=\"_self\" ><\/a>\n<div class=\"pt-cv-taxoterm above_title\"><a href='https:\/\/www.dmsjuridica.com\/buscador_20179478954\/corteconstitucionalcronologico202454587\/category\/buscar-en-toda-la-corte\/2013\/tutelas-2013\/' title='Tutelas 2013' class='pt-cv-tax-tutelas-2013'>Tutelas 2013<\/a><\/div>\n<h4 class=\"pt-cv-title\"><a href=\"https:\/\/www.dmsjuridica.com\/buscador_20179478954\/corteconstitucionalcronologico202454587\/t-707-13\/\" class=\"_self\" target=\"_self\" >T-707-13<\/a><\/h4>\n<div class=\"pt-cv-content\">Sentencia T-707\/13 \u00a0 \u00a0\u00a0 ACCION DE \u00a0 TUTELA CONTRA PROVIDENCIAS JUDICIALES-Requisitos generales y especiales de \u00a0 procedibilidad \u00a0 \u00a0 ACCION DE \u00a0 TUTELA RESPECTO A ORDENES QUE LIMITAN EL DERECHO A LA LIBERTAD PERSONAL \u00a0 ADOPTADAS EN EL MARCO DE PROCESO PENAL-Subreglas jurisprudenciales \u00a0 \u00a0 La procedencia de la acci\u00f3n de tutela respecto a \u00f3rdenes que \u00a0 limitan el derecho a la libertad personal adoptadas en el marco de un proceso \u00a0 penal, ha sido delimitada en sub-reglas que deben ser aplicadas por el juez de \u00a0 amparo. Entre estas se destacan: (i) el juez\u00a0 de tutela carece de \u00a0 ...<br \/><div class=\"pt-cv-rmwrap\"><a href=\"https:\/\/www.dmsjuridica.com\/buscador_20179478954\/corteconstitucionalcronologico202454587\/t-707-13\/\" class=\"_self pt-cv-readmore btn btn-success\" target=\"_self\">Ver Sentencia Completa...<\/a><\/div><\/div><\/div><\/div>\n<div class=\"col-md-12 col-sm-12 col-xs-12 pt-cv-content-item pt-cv-1-col\" ><div class='pt-cv-ifield'><a href=\"https:\/\/www.dmsjuridica.com\/buscador_20179478954\/corteconstitucionalcronologico202454587\/t-706-13\/\" class=\"_self pt-cv-href-thumbnail pt-cv-thumb-default\" target=\"_self\" ><\/a>\n<div class=\"pt-cv-taxoterm above_title\"><a href='https:\/\/www.dmsjuridica.com\/buscador_20179478954\/corteconstitucionalcronologico202454587\/category\/buscar-en-toda-la-corte\/2013\/tutelas-2013\/' title='Tutelas 2013' class='pt-cv-tax-tutelas-2013'>Tutelas 2013<\/a><\/div>\n<h4 class=\"pt-cv-title\"><a href=\"https:\/\/www.dmsjuridica.com\/buscador_20179478954\/corteconstitucionalcronologico202454587\/t-706-13\/\" class=\"_self\" target=\"_self\" >T-706-13<\/a><\/h4>\n<div class=\"pt-cv-content\">\u00a0 \u00a0 \u00a0 \u00a0 \u00a0 \u00a0T-706-13 \u00a0 \u00a0 \u00a0 \u00a0 \u00a0 \u00a0\u00a0 Sentencia T-706\/13 \u00a0 \u00a0 PRINCIPIO DE CONTINUIDAD E \u00a0 INTEGRALIDAD EN EL SERVICIO PUBLICO DE SALUD-EPS deben prestar el servicio \u00a0 hasta que otra entidad, p\u00fablica o privada, asuma la atenci\u00f3n del paciente para \u00a0 evitar interrupci\u00f3n de tratamientos \u00a0 \u00a0 Las entidades prestadoras de \u00a0 salud est\u00e1n en la obligaci\u00f3n de brindar y suministrar de manera continua, \u00a0 integral y oportuna todos aquellos insumos y tratamientos que requiera la \u00a0 persona que ve afectado su estado de salud, sin dilaciones, obst\u00e1culos ni \u00a0 interrupciones injustificadas. Igualmente, no ...<br \/><div class=\"pt-cv-rmwrap\"><a href=\"https:\/\/www.dmsjuridica.com\/buscador_20179478954\/corteconstitucionalcronologico202454587\/t-706-13\/\" class=\"_self pt-cv-readmore btn btn-success\" target=\"_self\">Ver Sentencia Completa...<\/a><\/div><\/div><\/div><\/div>\n<div class=\"col-md-12 col-sm-12 col-xs-12 pt-cv-content-item pt-cv-1-col\" ><div class='pt-cv-ifield'><a href=\"https:\/\/www.dmsjuridica.com\/buscador_20179478954\/corteconstitucionalcronologico202454587\/t-705-13\/\" class=\"_self pt-cv-href-thumbnail pt-cv-thumb-default\" target=\"_self\" ><\/a>\n<div class=\"pt-cv-taxoterm above_title\"><a href='https:\/\/www.dmsjuridica.com\/buscador_20179478954\/corteconstitucionalcronologico202454587\/category\/buscar-en-toda-la-corte\/2013\/tutelas-2013\/' title='Tutelas 2013' class='pt-cv-tax-tutelas-2013'>Tutelas 2013<\/a><\/div>\n<h4 class=\"pt-cv-title\"><a href=\"https:\/\/www.dmsjuridica.com\/buscador_20179478954\/corteconstitucionalcronologico202454587\/t-705-13\/\" class=\"_self\" target=\"_self\" >T-705-13<\/a><\/h4>\n<div class=\"pt-cv-content\">\u00a0 \u00a0 \u00a0 \u00a0 \u00a0 \u00a0T-705-13 \u00a0 \u00a0 \u00a0 \u00a0 \u00a0 \u00a0\u00a0 Sentencia T-705\/13 \u00a0 \u00a0 AGENCIA OFICIOSA Y PROTECCION DE \u00a0 DERECHOS DE LOS NI\u00d1OS MEDIANTE ACCION DE TUTELA-Reiteraci\u00f3n de \u00a0 jurisprudencia \u00a0 \u00a0 LEGITIMACION POR ACTIVA EN \u00a0 TUTELA-Cualquier persona puede exigir el cumplimiento de los derechos de los \u00a0 ni\u00f1os \u00a0 \u00a0 ACCION DE TUTELA CONTRA \u00a0 PROVIDENCIAS JUDICIALES-Improcedencia general \u00a0 \u00a0 ACCION DE TUTELA CONTRA \u00a0 PROVIDENCIAS JUDICIALES-Requisitos generales y especiales de procedibilidad \u00a0 \u00a0 INTERES SUPERIOR DEL MENOR Y \u00a0 PROTECCION DE NI\u00d1OS, NI\u00d1AS Y ADOLESCENTES-Autoridades y particulares deben \u00a0 abstenerse de adoptar decisiones y ...<br \/><div class=\"pt-cv-rmwrap\"><a href=\"https:\/\/www.dmsjuridica.com\/buscador_20179478954\/corteconstitucionalcronologico202454587\/t-705-13\/\" class=\"_self pt-cv-readmore btn btn-success\" target=\"_self\">Ver Sentencia Completa...<\/a><\/div><\/div><\/div><\/div>\n<div class=\"col-md-12 col-sm-12 col-xs-12 pt-cv-content-item pt-cv-1-col\" ><div class='pt-cv-ifield'><a href=\"https:\/\/www.dmsjuridica.com\/buscador_20179478954\/corteconstitucionalcronologico202454587\/t-704-13\/\" class=\"_self pt-cv-href-thumbnail pt-cv-thumb-default\" target=\"_self\" ><\/a>\n<div class=\"pt-cv-taxoterm above_title\"><a href='https:\/\/www.dmsjuridica.com\/buscador_20179478954\/corteconstitucionalcronologico202454587\/category\/buscar-en-toda-la-corte\/2013\/tutelas-2013\/' title='Tutelas 2013' class='pt-cv-tax-tutelas-2013'>Tutelas 2013<\/a><\/div>\n<h4 class=\"pt-cv-title\"><a href=\"https:\/\/www.dmsjuridica.com\/buscador_20179478954\/corteconstitucionalcronologico202454587\/t-704-13\/\" class=\"_self\" target=\"_self\" >T-704-13<\/a><\/h4>\n<div class=\"pt-cv-content\">\u00a0 \u00a0 \u00a0 \u00a0 \u00a0 \u00a0T-704-13 \u00a0 \u00a0 \u00a0 \u00a0 \u00a0 \u00a0\u00a0 Sentencia T-704\/13 \u00a0 \u00a0 ACCION DE \u00a0 TUTELA CONTRA PROVIDENCIAS JUDICIALES-Improcedencia general \u00a0 \u00a0 ACCION DE \u00a0 TUTELA CONTRA PROVIDENCIAS JUDICIALES-Procedencia excepcional para la \u00a0 protecci\u00f3n de derechos fundamentales \u00a0 \u00a0 ACCION DE \u00a0 TUTELA CONTRA PROVIDENCIAS JUDICIALES-Requisitos generales y especiales de \u00a0 procedibilidad \u00a0 \u00a0 CARACTERIZACION DEL DEFECTO PROCEDIMENTAL POR EXCESO RITUAL MANIFIESTO-Reiteraci\u00f3n \u00a0 de jurisprudencia \u00a0 \u00a0 DEBER \u00a0 CONSTITUCIONAL DE LA DEBIDA GESTION Y ADMINISTRACION DE ARCHIVOS \u00a0 \u00a0 ACCION DE \u00a0 TUTELA CONTRA PROVIDENCIAS JUDICIALES-Improcedencia de defecto procedimental \u00a0 por exceso ritual manifiesto, por ...<br \/><div class=\"pt-cv-rmwrap\"><a href=\"https:\/\/www.dmsjuridica.com\/buscador_20179478954\/corteconstitucionalcronologico202454587\/t-704-13\/\" class=\"_self pt-cv-readmore btn btn-success\" target=\"_self\">Ver Sentencia Completa...<\/a><\/div><\/div><\/div><\/div>\n<div class=\"col-md-12 col-sm-12 col-xs-12 pt-cv-content-item pt-cv-1-col\" ><div class='pt-cv-ifield'><a href=\"https:\/\/www.dmsjuridica.com\/buscador_20179478954\/corteconstitucionalcronologico202454587\/t-703-13\/\" class=\"_self pt-cv-href-thumbnail pt-cv-thumb-default\" target=\"_self\" ><\/a>\n<div class=\"pt-cv-taxoterm above_title\"><a href='https:\/\/www.dmsjuridica.com\/buscador_20179478954\/corteconstitucionalcronologico202454587\/category\/buscar-en-toda-la-corte\/2013\/tutelas-2013\/' title='Tutelas 2013' class='pt-cv-tax-tutelas-2013'>Tutelas 2013<\/a><\/div>\n<h4 class=\"pt-cv-title\"><a href=\"https:\/\/www.dmsjuridica.com\/buscador_20179478954\/corteconstitucionalcronologico202454587\/t-703-13\/\" class=\"_self\" target=\"_self\" >T-703-13<\/a><\/h4>\n<div class=\"pt-cv-content\">\u00a0 \u00a0 \u00a0 \u00a0 \u00a0 \u00a0T-703-13 \u00a0 \u00a0 \u00a0 \u00a0 \u00a0 \u00a0\u00a0 Sentencia T-703\/13 \u00a0 \u00a0 LEGITIMACION POR ACTIVA EN TUTELA-Cualquier persona puede exigir el cumplimiento de los \u00a0 derechos de los ni\u00f1os \u00a0 \u00a0 Aunque la \u00a0 informalidad que caracteriza a la acci\u00f3n de tutela no se opone a que su \u00a0 ejercicio est\u00e9 sometido a requisitos m\u00ednimos de procedibilidad, entre los cuales \u00a0 est\u00e1 la legitimaci\u00f3n por activa, ello tambi\u00e9n permite consideraciones \u00a0 especiales, como que cualquier persona se encuentre \u00a0 legitimada \u201cpara interponer acci\u00f3n de tutela en nombre de un menor, siempre y \u00a0 cuando en el ...<br \/><div class=\"pt-cv-rmwrap\"><a href=\"https:\/\/www.dmsjuridica.com\/buscador_20179478954\/corteconstitucionalcronologico202454587\/t-703-13\/\" class=\"_self pt-cv-readmore btn btn-success\" target=\"_self\">Ver Sentencia Completa...<\/a><\/div><\/div><\/div><\/div>\n<div class=\"col-md-12 col-sm-12 col-xs-12 pt-cv-content-item pt-cv-1-col\" ><div class='pt-cv-ifield'><a href=\"https:\/\/www.dmsjuridica.com\/buscador_20179478954\/corteconstitucionalcronologico202454587\/t-702-13\/\" class=\"_self pt-cv-href-thumbnail pt-cv-thumb-default\" target=\"_self\" ><\/a>\n<div class=\"pt-cv-taxoterm above_title\"><a href='https:\/\/www.dmsjuridica.com\/buscador_20179478954\/corteconstitucionalcronologico202454587\/category\/buscar-en-toda-la-corte\/2013\/tutelas-2013\/' title='Tutelas 2013' class='pt-cv-tax-tutelas-2013'>Tutelas 2013<\/a><\/div>\n<h4 class=\"pt-cv-title\"><a href=\"https:\/\/www.dmsjuridica.com\/buscador_20179478954\/corteconstitucionalcronologico202454587\/t-702-13\/\" class=\"_self\" target=\"_self\" >T-702-13<\/a><\/h4>\n<div class=\"pt-cv-content\">\u00a0 \u00a0 \u00a0 \u00a0 \u00a0 \u00a0T-702-13 \u00a0 \u00a0 \u00a0 \u00a0 \u00a0 \u00a0\u00a0 Sentencia T-702\/13 \u00a0 \u00a0 ACCION DE TUTELA PARA RECONOCIMIENTO DE PENSION DE \u00a0 VEJEZ-Procedencia cuando se vulneran \u00a0 derechos a la seguridad social en pensiones y al m\u00ednimo vital del actor \u00a0 \u00a0 La pensi\u00f3n de vejez \u00a0 encuentra sustento constitucional en la protecci\u00f3n especial que debe brindar el \u00a0 Estado al trabajo en todas sus modalidades, incluso con el reconocimiento y pago \u00a0 de la pensi\u00f3n, que ha de realizarse de manera oportuna, respetando los derechos \u00a0 adquiridos y dentro de los principios de eficiencia, universalidad y ...<br \/><div class=\"pt-cv-rmwrap\"><a href=\"https:\/\/www.dmsjuridica.com\/buscador_20179478954\/corteconstitucionalcronologico202454587\/t-702-13\/\" class=\"_self pt-cv-readmore btn btn-success\" target=\"_self\">Ver Sentencia Completa...<\/a><\/div><\/div><\/div><\/div>\n<div class=\"col-md-12 col-sm-12 col-xs-12 pt-cv-content-item pt-cv-1-col\" ><div class='pt-cv-ifield'><a href=\"https:\/\/www.dmsjuridica.com\/buscador_20179478954\/corteconstitucionalcronologico202454587\/t-701-13\/\" class=\"_self pt-cv-href-thumbnail pt-cv-thumb-default\" target=\"_self\" ><\/a>\n<div class=\"pt-cv-taxoterm above_title\"><a href='https:\/\/www.dmsjuridica.com\/buscador_20179478954\/corteconstitucionalcronologico202454587\/category\/buscar-en-toda-la-corte\/2013\/tutelas-2013\/' title='Tutelas 2013' class='pt-cv-tax-tutelas-2013'>Tutelas 2013<\/a><\/div>\n<h4 class=\"pt-cv-title\"><a href=\"https:\/\/www.dmsjuridica.com\/buscador_20179478954\/corteconstitucionalcronologico202454587\/t-701-13\/\" class=\"_self\" target=\"_self\" >T-701-13<\/a><\/h4>\n<div class=\"pt-cv-content\">\u00a0 \u00a0 \u00a0 \u00a0 \u00a0 \u00a0T-701-13 \u00a0 \u00a0 \u00a0 \u00a0 \u00a0 \u00a0\u00a0 Sentencia T-701\/13 \u00a0 \u00a0 COMUNIDADES \u00a0 RAIZALES DEL ARCHIPIELAGO DE SAN ANDRES, PROVIDENCIA Y SANTA CATALINA-Protecci\u00f3n \u00a0 especial \u00a0 \u00a0 El constituyente de 1991 con el \u00a0 fin de proteger a las comunidades raizales del departamento Archipi\u00e9lago de San \u00a0 Andr\u00e9s, Providencia y Santa Catalina, permiti\u00f3 en el art\u00edculo 310 superior que \u00a0 se expidieran normas especiales para limitar all\u00ed el derecho de residencia, \u00a0 entre otros. Con ese fundamento fue emitido el Decreto 2762 de 1991, por medio \u00a0 del cual se adoptaron medidas para controlar la ...<br \/><div class=\"pt-cv-rmwrap\"><a href=\"https:\/\/www.dmsjuridica.com\/buscador_20179478954\/corteconstitucionalcronologico202454587\/t-701-13\/\" class=\"_self pt-cv-readmore btn btn-success\" target=\"_self\">Ver Sentencia Completa...<\/a><\/div><\/div><\/div><\/div>\n<div class=\"col-md-12 col-sm-12 col-xs-12 pt-cv-content-item pt-cv-1-col\" ><div class='pt-cv-ifield'><a href=\"https:\/\/www.dmsjuridica.com\/buscador_20179478954\/corteconstitucionalcronologico202454587\/t-698-13\/\" class=\"_self pt-cv-href-thumbnail pt-cv-thumb-default\" target=\"_self\" ><\/a>\n<div class=\"pt-cv-taxoterm above_title\"><a href='https:\/\/www.dmsjuridica.com\/buscador_20179478954\/corteconstitucionalcronologico202454587\/category\/buscar-en-toda-la-corte\/2013\/tutelas-2013\/' title='Tutelas 2013' class='pt-cv-tax-tutelas-2013'>Tutelas 2013<\/a><\/div>\n<h4 class=\"pt-cv-title\"><a href=\"https:\/\/www.dmsjuridica.com\/buscador_20179478954\/corteconstitucionalcronologico202454587\/t-698-13\/\" class=\"_self\" target=\"_self\" >T-698-13<\/a><\/h4>\n<div class=\"pt-cv-content\">\u00a0 \u00a0 \u00a0 \u00a0 \u00a0 \u00a0T-698-13 \u00a0 \u00a0 \u00a0 \u00a0 \u00a0 \u00a0\u00a0 Sentencia T-698\/13 \u00a0 \u00a0 DERECHO DE ACCESO A LA ADMINISTRACION DE JUSTICIA-Concepto y contenido \u00a0 \u00a0 El derecho de acceso a la administraci\u00f3n de justicia se encuentra consagrado en \u00a0 el art\u00edculo 229 superior y ha sido catalogado como fundamental, denotando que si la actuaci\u00f3n de cualquier autoridad p\u00fablica, o de un \u00a0 particular en los casos as\u00ed previstos, lo impide u obstaculiza, puede exigirse \u00a0 su cumplimiento por medio de la acci\u00f3n de tutela, siempre y cuando no exista \u00a0 otro mecanismo de defensa que, al efecto, ...<br \/><div class=\"pt-cv-rmwrap\"><a href=\"https:\/\/www.dmsjuridica.com\/buscador_20179478954\/corteconstitucionalcronologico202454587\/t-698-13\/\" class=\"_self pt-cv-readmore btn btn-success\" target=\"_self\">Ver Sentencia Completa...<\/a><\/div><\/div><\/div><\/div>\n<div class=\"col-md-12 col-sm-12 col-xs-12 pt-cv-content-item pt-cv-1-col\" ><div class='pt-cv-ifield'><a href=\"https:\/\/www.dmsjuridica.com\/buscador_20179478954\/corteconstitucionalcronologico202454587\/t-697-13\/\" class=\"_self pt-cv-href-thumbnail pt-cv-thumb-default\" target=\"_self\" ><\/a>\n<div class=\"pt-cv-taxoterm above_title\"><a href='https:\/\/www.dmsjuridica.com\/buscador_20179478954\/corteconstitucionalcronologico202454587\/category\/buscar-en-toda-la-corte\/2013\/tutelas-2013\/' title='Tutelas 2013' class='pt-cv-tax-tutelas-2013'>Tutelas 2013<\/a><\/div>\n<h4 class=\"pt-cv-title\"><a href=\"https:\/\/www.dmsjuridica.com\/buscador_20179478954\/corteconstitucionalcronologico202454587\/t-697-13\/\" class=\"_self\" target=\"_self\" >T-697-13<\/a><\/h4>\n<div class=\"pt-cv-content\">\u00a0 \u00a0 \u00a0 \u00a0 \u00a0 \u00a0T-697-13 \u00a0 \u00a0 \u00a0 \u00a0 \u00a0 \u00a0\u00a0 Sentencia \u00a0 T-697\/13 \u00a0 \u00a0 PROTECCION CONSTITUCIONAL ESPECIAL DE PERSONAS \u00a0 PORTADORAS DE VIH\/SIDA-Reiteraci\u00f3n de \u00a0 jurisprudencia \u00a0 \u00a0 ACCION DE TUTELA PARA EL RECONOCIMIENTO DE PENSION DE \u00a0 INVALIDEZ A ENFERMO DE VIH\/SIDA-Procedencia \u00a0 por ser el mecanismo id\u00f3neo para la defensa de los derechos fundamentales del \u00a0 accionante y para lograr el reconocimiento de la prestaci\u00f3n pensional \u00a0 \u00a0 En todos los casos deber\u00e1 efectuarse un estudio de \u00a0 procedencia, que si bien ha de ser estricto, requiere mayor consideraci\u00f3n sobre \u00a0 las reglas establecidas, en ...<br \/><div class=\"pt-cv-rmwrap\"><a href=\"https:\/\/www.dmsjuridica.com\/buscador_20179478954\/corteconstitucionalcronologico202454587\/t-697-13\/\" class=\"_self pt-cv-readmore btn btn-success\" target=\"_self\">Ver Sentencia Completa...<\/a><\/div><\/div><\/div><\/div>\n<div class=\"col-md-12 col-sm-12 col-xs-12 pt-cv-content-item pt-cv-1-col\" ><div class='pt-cv-ifield'><a href=\"https:\/\/www.dmsjuridica.com\/buscador_20179478954\/corteconstitucionalcronologico202454587\/t-696-13\/\" class=\"_self pt-cv-href-thumbnail pt-cv-thumb-default\" target=\"_self\" ><\/a>\n<div class=\"pt-cv-taxoterm above_title\"><a href='https:\/\/www.dmsjuridica.com\/buscador_20179478954\/corteconstitucionalcronologico202454587\/category\/buscar-en-toda-la-corte\/2013\/tutelas-2013\/' title='Tutelas 2013' class='pt-cv-tax-tutelas-2013'>Tutelas 2013<\/a><\/div>\n<h4 class=\"pt-cv-title\"><a href=\"https:\/\/www.dmsjuridica.com\/buscador_20179478954\/corteconstitucionalcronologico202454587\/t-696-13\/\" class=\"_self\" target=\"_self\" >T-696-13<\/a><\/h4>\n<div class=\"pt-cv-content\">\u00a0 \u00a0 \u00a0 \u00a0 \u00a0 \u00a0T-696-13 \u00a0 \u00a0 \u00a0 \u00a0 \u00a0 \u00a0\u00a0 Sentencia T-696\/13 \u00a0 \u00a0 DERECHO FUNDAMENTAL AL DEBIDO PROCESO \u00a0 ADMINISTRATIVO-Alcance y \u00a0 contenido \u00a0 \u00a0 Entendido el derecho al debido proceso administrativo como la \u00a0 garant\u00eda a todas las personas de acceder a un proceso justo y adecuado, de tal \u00a0 manera que la afectaci\u00f3n o la privaci\u00f3n de ciertos bienes jur\u00eddicos por parte \u00a0 del Estado, no pueda hacerse con detrimento de sus derechos fundamentales. De \u00a0 este modo, ha indicado esta Corporaci\u00f3n: si bien la preservaci\u00f3n de los \u00a0 intereses de la administraci\u00f3n y el ...<br \/><div class=\"pt-cv-rmwrap\"><a href=\"https:\/\/www.dmsjuridica.com\/buscador_20179478954\/corteconstitucionalcronologico202454587\/t-696-13\/\" class=\"_self pt-cv-readmore btn btn-success\" target=\"_self\">Ver Sentencia Completa...<\/a><\/div><\/div><\/div><\/div>\n<div class=\"col-md-12 col-sm-12 col-xs-12 pt-cv-content-item pt-cv-1-col\" ><div class='pt-cv-ifield'><a href=\"https:\/\/www.dmsjuridica.com\/buscador_20179478954\/corteconstitucionalcronologico202454587\/t-694-13\/\" class=\"_self pt-cv-href-thumbnail pt-cv-thumb-default\" target=\"_self\" ><\/a>\n<div class=\"pt-cv-taxoterm above_title\"><a href='https:\/\/www.dmsjuridica.com\/buscador_20179478954\/corteconstitucionalcronologico202454587\/category\/buscar-en-toda-la-corte\/2013\/tutelas-2013\/' title='Tutelas 2013' class='pt-cv-tax-tutelas-2013'>Tutelas 2013<\/a><\/div>\n<h4 class=\"pt-cv-title\"><a href=\"https:\/\/www.dmsjuridica.com\/buscador_20179478954\/corteconstitucionalcronologico202454587\/t-694-13\/\" class=\"_self\" target=\"_self\" >T-694-13<\/a><\/h4>\n<div class=\"pt-cv-content\">\u00a0 \u00a0 \u00a0 \u00a0 \u00a0 \u00a0T-694-13 \u00a0 \u00a0 \u00a0 \u00a0 \u00a0 \u00a0\u00a0 Sentencia T-694\/13 \u00a0 \u00a0 ACCION DE TUTELA CONTRA PARTICULARES-Definici\u00f3n de subordinaci\u00f3n e indefensi\u00f3n \u00a0 \u00a0 ACCION DE TUTELA CONTRA PARTICULARES CUANDO EL AFECTADO \u00a0 SE ENCUENTRA EN ESTADO DE INDEFENSION-Ambito de cobertura y eficacia de protecci\u00f3n de \u00a0 derechos fundamentales en las relaciones privadas \u00a0 \u00a0 La acci\u00f3n de tutela es procedente contra los actos u omisiones de \u00a0 los particulares que causen violaciones a derechos fundamentales, y una de las \u00a0 mencionadas hip\u00f3tesis, es la relaci\u00f3n de subordinaci\u00f3n y la situaci\u00f3n de \u00a0 indefensi\u00f3n en la que ...<br \/><div class=\"pt-cv-rmwrap\"><a href=\"https:\/\/www.dmsjuridica.com\/buscador_20179478954\/corteconstitucionalcronologico202454587\/t-694-13\/\" class=\"_self pt-cv-readmore btn btn-success\" target=\"_self\">Ver Sentencia Completa...<\/a><\/div><\/div><\/div><\/div>\n<div class=\"col-md-12 col-sm-12 col-xs-12 pt-cv-content-item pt-cv-1-col\" ><div class='pt-cv-ifield'><a href=\"https:\/\/www.dmsjuridica.com\/buscador_20179478954\/corteconstitucionalcronologico202454587\/t-693-13\/\" class=\"_self pt-cv-href-thumbnail pt-cv-thumb-default\" target=\"_self\" ><\/a>\n<div class=\"pt-cv-taxoterm above_title\"><a href='https:\/\/www.dmsjuridica.com\/buscador_20179478954\/corteconstitucionalcronologico202454587\/category\/buscar-en-toda-la-corte\/2013\/tutelas-2013\/' title='Tutelas 2013' class='pt-cv-tax-tutelas-2013'>Tutelas 2013<\/a><\/div>\n<h4 class=\"pt-cv-title\"><a href=\"https:\/\/www.dmsjuridica.com\/buscador_20179478954\/corteconstitucionalcronologico202454587\/t-693-13\/\" class=\"_self\" target=\"_self\" >T-693-13<\/a><\/h4>\n<div class=\"pt-cv-content\">\u00a0 \u00a0 \u00a0 \u00a0 \u00a0 \u00a0T-693-13 \u00a0 \u00a0 \u00a0 \u00a0 \u00a0 \u00a0\u00a0 Sentencia T-693\/13 \u00a0 \u00a0 CEDULA DE CIUDADANIA-Importancia y funciones que cumple \u00a0 \u00a0 Constitucional y legalmente, la c\u00e9dula de ciudadan\u00eda tiene \u00a0 tres funciones diferentes: (i) identificar a las personas, (ii) permitir el \u00a0 ejercicio de sus derechos civiles y (iii) asegurar la participaci\u00f3n de los \u00a0 ciudadanos en la actividad pol\u00edtica que propicia y estimula la democracia. \u00a0 Jur\u00eddicamente, la identificaci\u00f3n es aquella manera de establecer la \u00a0 individualidad de una persona de acuerdo a las previsiones normativas; la c\u00e9dula \u00a0 de ciudadan\u00eda es una de las ...<br \/><div class=\"pt-cv-rmwrap\"><a href=\"https:\/\/www.dmsjuridica.com\/buscador_20179478954\/corteconstitucionalcronologico202454587\/t-693-13\/\" class=\"_self pt-cv-readmore btn btn-success\" target=\"_self\">Ver Sentencia Completa...<\/a><\/div><\/div><\/div><\/div>\n<div class=\"col-md-12 col-sm-12 col-xs-12 pt-cv-content-item pt-cv-1-col\" ><div class='pt-cv-ifield'><a href=\"https:\/\/www.dmsjuridica.com\/buscador_20179478954\/corteconstitucionalcronologico202454587\/t-691-13\/\" class=\"_self pt-cv-href-thumbnail pt-cv-thumb-default\" target=\"_self\" ><\/a>\n<div class=\"pt-cv-taxoterm above_title\"><a href='https:\/\/www.dmsjuridica.com\/buscador_20179478954\/corteconstitucionalcronologico202454587\/category\/buscar-en-toda-la-corte\/2013\/tutelas-2013\/' title='Tutelas 2013' class='pt-cv-tax-tutelas-2013'>Tutelas 2013<\/a><\/div>\n<h4 class=\"pt-cv-title\"><a href=\"https:\/\/www.dmsjuridica.com\/buscador_20179478954\/corteconstitucionalcronologico202454587\/t-691-13\/\" class=\"_self\" target=\"_self\" >T-691-13<\/a><\/h4>\n<div class=\"pt-cv-content\">\u00a0 \u00a0 \u00a0 \u00a0 \u00a0 \u00a0T-691-13 \u00a0 \u00a0 \u00a0 \u00a0 \u00a0 \u00a0\u00a0 Sentencia T-691\/13 \u00a0 \u00a0 GARANTIAS CONSTITUCIONALES DE LA \u00a0 ESTABILIDAD LABORAL REFORZADA RESPECTO DE SUJETOS CON LIMITACIONES-Reiteraci\u00f3n de \u00a0 jurisprudencia\/ESTABILIDAD LABORAL REFORZADA DE PERSONA EN SITUACION DE \u00a0 DISCAPACIDAD EN EL DERECHO INTERNACIONAL \u00a0 \u00a0 La estabilidad \u00a0 laboral reforzada es parte integral del derecho constitucional al trabajo y las \u00a0 garant\u00edas que se desprenden de este. Tal protecci\u00f3n se activa cuando el \u00a0 trabajador se encuentra en situaci\u00f3n de vulnerabilidad, debido condiciones \u00a0 espec\u00edficas de afectaci\u00f3n a su salud, su capacidad econ\u00f3mica, su rol social, \u00a0 entre ...<br \/><div class=\"pt-cv-rmwrap\"><a href=\"https:\/\/www.dmsjuridica.com\/buscador_20179478954\/corteconstitucionalcronologico202454587\/t-691-13\/\" class=\"_self pt-cv-readmore btn btn-success\" target=\"_self\">Ver Sentencia Completa...<\/a><\/div><\/div><\/div><\/div>\n<div class=\"col-md-12 col-sm-12 col-xs-12 pt-cv-content-item pt-cv-1-col\" ><div class='pt-cv-ifield'><a href=\"https:\/\/www.dmsjuridica.com\/buscador_20179478954\/corteconstitucionalcronologico202454587\/t-690-13\/\" class=\"_self pt-cv-href-thumbnail pt-cv-thumb-default\" target=\"_self\" ><\/a>\n<div class=\"pt-cv-taxoterm above_title\"><a href='https:\/\/www.dmsjuridica.com\/buscador_20179478954\/corteconstitucionalcronologico202454587\/category\/buscar-en-toda-la-corte\/2013\/tutelas-2013\/' title='Tutelas 2013' class='pt-cv-tax-tutelas-2013'>Tutelas 2013<\/a><\/div>\n<h4 class=\"pt-cv-title\"><a href=\"https:\/\/www.dmsjuridica.com\/buscador_20179478954\/corteconstitucionalcronologico202454587\/t-690-13\/\" class=\"_self\" target=\"_self\" >T-690-13<\/a><\/h4>\n<div class=\"pt-cv-content\">\u00a0 \u00a0 \u00a0 \u00a0 \u00a0 \u00a0T-690-13 \u00a0 \u00a0 \u00a0 \u00a0 \u00a0 \u00a0\u00a0 Sentencia \u00a0 T-690\/13 \u00a0 \u00a0 CONDICIONES CONSTITUCIONALES PARA LA PROCEDENCIA \u00a0 EXCEPCIONAL DE LA ACCION DE TUTELA FRENTE AL RECONOCIMIENTO DE PENSIONES-Reiteraci\u00f3n de jurisprudencia \u00a0 \u00a0 (1) Por regla general la acci\u00f3n de tutela \u00a0 resulta improcedente para reclamar por v\u00eda judicial el reconocimiento o \u00a0 reliquidaci\u00f3n de derechos de naturaleza pensional. Sin embargo, en determinados eventos el recurso de amparo procede \u00a0 con el puntual fin de salvaguardar bienes iusfundamentales cuya protecci\u00f3n \u00a0 resulta impostergable, siempre y cuando los medios ordinarios de defensa \u00a0 judicial existentes, atendiendo ...<br \/><div class=\"pt-cv-rmwrap\"><a href=\"https:\/\/www.dmsjuridica.com\/buscador_20179478954\/corteconstitucionalcronologico202454587\/t-690-13\/\" class=\"_self pt-cv-readmore btn btn-success\" target=\"_self\">Ver Sentencia Completa...<\/a><\/div><\/div><\/div><\/div>\n<div class=\"col-md-12 col-sm-12 col-xs-12 pt-cv-content-item pt-cv-1-col\" ><div class='pt-cv-ifield'><a href=\"https:\/\/www.dmsjuridica.com\/buscador_20179478954\/corteconstitucionalcronologico202454587\/t-689-13\/\" class=\"_self pt-cv-href-thumbnail pt-cv-thumb-default\" target=\"_self\" ><\/a>\n<div class=\"pt-cv-taxoterm above_title\"><a href='https:\/\/www.dmsjuridica.com\/buscador_20179478954\/corteconstitucionalcronologico202454587\/category\/buscar-en-toda-la-corte\/2013\/tutelas-2013\/' title='Tutelas 2013' class='pt-cv-tax-tutelas-2013'>Tutelas 2013<\/a><\/div>\n<h4 class=\"pt-cv-title\"><a href=\"https:\/\/www.dmsjuridica.com\/buscador_20179478954\/corteconstitucionalcronologico202454587\/t-689-13\/\" class=\"_self\" target=\"_self\" >T-689-13<\/a><\/h4>\n<div class=\"pt-cv-content\">\u00a0 \u00a0 \u00a0 \u00a0 \u00a0 \u00a0T-689-13 \u00a0 \u00a0 \u00a0 \u00a0 \u00a0 \u00a0\u00a0 Sentencia T-689\/13 \u00a0 \u00a0 DERECHOS FUNDAMENTALES-Eficacia horizontal como una manifestaci\u00f3n \u00a0 del principio de igualdad \u00a0 \u00a0 En el plano de las relaciones privadas, la protecci\u00f3n de los derechos \u00a0 fundamentales tienen una eficacia horizontal como una manifestaci\u00f3n del \u00a0 principio de la igualdad, pues, precisamente ante las relaciones dispares que se \u00a0 sostienen en el \u00e1mbito social, sin la obligatoriedad de los derechos \u00a0 fundamentales entre particulares, la parte d\u00e9bil quedar\u00eda sometida sin m\u00e1s, a la \u00a0 voluntad de quien ejerce autoridad o tiene ventaja sobre ella, ...<br \/><div class=\"pt-cv-rmwrap\"><a href=\"https:\/\/www.dmsjuridica.com\/buscador_20179478954\/corteconstitucionalcronologico202454587\/t-689-13\/\" class=\"_self pt-cv-readmore btn btn-success\" target=\"_self\">Ver Sentencia Completa...<\/a><\/div><\/div><\/div><\/div>\n<div class=\"col-md-12 col-sm-12 col-xs-12 pt-cv-content-item pt-cv-1-col\" ><div class='pt-cv-ifield'><a href=\"https:\/\/www.dmsjuridica.com\/buscador_20179478954\/corteconstitucionalcronologico202454587\/t-688-13\/\" class=\"_self pt-cv-href-thumbnail pt-cv-thumb-default\" target=\"_self\" ><\/a>\n<div class=\"pt-cv-taxoterm above_title\"><a href='https:\/\/www.dmsjuridica.com\/buscador_20179478954\/corteconstitucionalcronologico202454587\/category\/buscar-en-toda-la-corte\/2013\/tutelas-2013\/' title='Tutelas 2013' class='pt-cv-tax-tutelas-2013'>Tutelas 2013<\/a><\/div>\n<h4 class=\"pt-cv-title\"><a href=\"https:\/\/www.dmsjuridica.com\/buscador_20179478954\/corteconstitucionalcronologico202454587\/t-688-13\/\" class=\"_self\" target=\"_self\" >T-688-13<\/a><\/h4>\n<div class=\"pt-cv-content\">\u00a0 \u00a0 \u00a0 \u00a0 \u00a0 \u00a0T-688-13 \u00a0 \u00a0 \u00a0 \u00a0 \u00a0 \u00a0\u00a0 Sentencia T-688 \/13 \u00a0 \u00a0 ACCION DE \u00a0 TUTELA CONTRA PROVIDENCIAS JUDICIALES-Requisitos generales y especiales de \u00a0 procedibilidad \u00a0 \u00a0 La acci\u00f3n de tutela contra \u00a0 providencias judiciales es viable de manera excepcional, cuando se cumplen los \u00a0 requisitos generales para su\u00a0 procedibilidad, y se configura alguna de las \u00a0 causales espec\u00edficas definidas por esta Corporaci\u00f3n, siendo una de ellas el \u00a0 desconocimiento del precedente. Por lo dem\u00e1s, la procedencia de esta acci\u00f3n, as\u00ed \u00a0 como su prosperidad, ha sido reconocida por esta Corporaci\u00f3n desde los albores \u00a0 ...<br \/><div class=\"pt-cv-rmwrap\"><a href=\"https:\/\/www.dmsjuridica.com\/buscador_20179478954\/corteconstitucionalcronologico202454587\/t-688-13\/\" class=\"_self pt-cv-readmore btn btn-success\" target=\"_self\">Ver Sentencia Completa...<\/a><\/div><\/div><\/div><\/div>\n<div class=\"col-md-12 col-sm-12 col-xs-12 pt-cv-content-item pt-cv-1-col\" ><div class='pt-cv-ifield'><a href=\"https:\/\/www.dmsjuridica.com\/buscador_20179478954\/corteconstitucionalcronologico202454587\/t-687-13\/\" class=\"_self pt-cv-href-thumbnail pt-cv-thumb-default\" target=\"_self\" ><\/a>\n<div class=\"pt-cv-taxoterm above_title\"><a href='https:\/\/www.dmsjuridica.com\/buscador_20179478954\/corteconstitucionalcronologico202454587\/category\/buscar-en-toda-la-corte\/2013\/tutelas-2013\/' title='Tutelas 2013' class='pt-cv-tax-tutelas-2013'>Tutelas 2013<\/a><\/div>\n<h4 class=\"pt-cv-title\"><a href=\"https:\/\/www.dmsjuridica.com\/buscador_20179478954\/corteconstitucionalcronologico202454587\/t-687-13\/\" class=\"_self\" target=\"_self\" >T-687-13<\/a><\/h4>\n<div class=\"pt-cv-content\">\u00a0 \u00a0 \u00a0 \u00a0 \u00a0 \u00a0T-687-13 \u00a0 \u00a0 \u00a0 \u00a0 \u00a0 \u00a0\u00a0 Sentencia T-687\/13 \u00a0 \u00a0 IUS \u00a0 VARIANDI-L\u00edmites constitucionales \u00a0 \u00a0 La Corte Constitucional ha entendido el ius variendi como la facultad que tiene \u00a0 el empleador para modificar las condiciones de trabajo de sus empleados, es \u00a0 decir, la potestad de modificar el modo, el lugar, la cantidad o el tiempo de la \u00a0 relaci\u00f3n laboral. No obstante, dicha potestad no es absoluta, pues tiene como l\u00edmite \u00a0 el respeto de los derechos fundamentales del trabajador y de su familia \u00a0 establecidos en la Constituci\u00f3n: (i) en las ...<br \/><div class=\"pt-cv-rmwrap\"><a href=\"https:\/\/www.dmsjuridica.com\/buscador_20179478954\/corteconstitucionalcronologico202454587\/t-687-13\/\" class=\"_self pt-cv-readmore btn btn-success\" target=\"_self\">Ver Sentencia Completa...<\/a><\/div><\/div><\/div><\/div>\n<div class=\"col-md-12 col-sm-12 col-xs-12 pt-cv-content-item pt-cv-1-col\" ><div class='pt-cv-ifield'><a href=\"https:\/\/www.dmsjuridica.com\/buscador_20179478954\/corteconstitucionalcronologico202454587\/t-686-13\/\" class=\"_self pt-cv-href-thumbnail pt-cv-thumb-default\" target=\"_self\" ><\/a>\n<div class=\"pt-cv-taxoterm above_title\"><a href='https:\/\/www.dmsjuridica.com\/buscador_20179478954\/corteconstitucionalcronologico202454587\/category\/buscar-en-toda-la-corte\/2013\/tutelas-2013\/' title='Tutelas 2013' class='pt-cv-tax-tutelas-2013'>Tutelas 2013<\/a><\/div>\n<h4 class=\"pt-cv-title\"><a href=\"https:\/\/www.dmsjuridica.com\/buscador_20179478954\/corteconstitucionalcronologico202454587\/t-686-13\/\" class=\"_self\" target=\"_self\" >T-686-13<\/a><\/h4>\n<div class=\"pt-cv-content\">\u00a0 \u00a0 \u00a0 \u00a0 \u00a0 \u00a0T-686-13 \u00a0 \u00a0 \u00a0 \u00a0 \u00a0 \u00a0\u00a0 Sentencia \u00a0 T-686\/13 \u00a0 \u00a0 SUMINISTRO DE MEDICAMENTOS, TRATAMIENTOS Y \u00a0 PROCEDIMIENTOS EXCLUIDOS DEL POS-Requisitos \u00a0 \u00a0 ACCION DE TUTELA PARA ORDENAR SUMINISTRO DE \u00a0 TRATAMIENTOS, PROCEDIMIENTOS O MEDICAMENTOS EXCLUIDOS DEL POS-Procedencia excepcional a\u00fan cuando sea prescrito por \u00a0 m\u00e9dico tratante no adscrito a EPS \u00a0 \u00a0 DERECHO AL DIAGNOSTICO-Excepci\u00f3n cuando haya concepto de m\u00e9dico no adscrito a \u00a0 EPS \u00a0 \u00a0 La jurisprudencia constitucional ha \u00a0 establecido que el concepto m\u00e9dico de un profesional de la salud, no adscrito a \u00a0 la red de instituciones prestadoras de ...<br \/><div class=\"pt-cv-rmwrap\"><a href=\"https:\/\/www.dmsjuridica.com\/buscador_20179478954\/corteconstitucionalcronologico202454587\/t-686-13\/\" class=\"_self pt-cv-readmore btn btn-success\" target=\"_self\">Ver Sentencia Completa...<\/a><\/div><\/div><\/div><\/div>\n<div class=\"col-md-12 col-sm-12 col-xs-12 pt-cv-content-item pt-cv-1-col\" ><div class='pt-cv-ifield'><a href=\"https:\/\/www.dmsjuridica.com\/buscador_20179478954\/corteconstitucionalcronologico202454587\/t-685-13\/\" class=\"_self pt-cv-href-thumbnail pt-cv-thumb-default\" target=\"_self\" ><\/a>\n<div class=\"pt-cv-taxoterm above_title\"><a href='https:\/\/www.dmsjuridica.com\/buscador_20179478954\/corteconstitucionalcronologico202454587\/category\/buscar-en-toda-la-corte\/2013\/tutelas-2013\/' title='Tutelas 2013' class='pt-cv-tax-tutelas-2013'>Tutelas 2013<\/a><\/div>\n<h4 class=\"pt-cv-title\"><a href=\"https:\/\/www.dmsjuridica.com\/buscador_20179478954\/corteconstitucionalcronologico202454587\/t-685-13\/\" class=\"_self\" target=\"_self\" >T-685-13<\/a><\/h4>\n<div class=\"pt-cv-content\">\u00a0 \u00a0 \u00a0 \u00a0 \u00a0 \u00a0T-685-13 \u00a0 \u00a0 \u00a0 \u00a0 \u00a0 \u00a0\u00a0 Sentencia T-685\/13 \u00a0 \u00a0 ACCION DE TUTELA CONTRA PROVIDENCIAS JUDICIALES-Requisitos generales y especiales de procedibilidad \u00a0 \u00a0 Esta Corporaci\u00f3n, en diversos \u00a0 pronunciamientos, ha se\u00f1alado que la acci\u00f3n de tutela \u00a0 contra providencias judiciales es un instrumento id\u00f3neo, cuando no habiendo otro \u00a0 mecanismo de defensa judicial, o ante la configuraci\u00f3n de un perjuicio \u00a0 irremediable o bajo la consideraci\u00f3n de que el medio ordinario es ineficaz para \u00a0 el caso concreto, \u00e9stas son el resultado de una actuaci\u00f3n que desconoce las \u00a0 normas sustanciales y procesales y ...<br \/><div class=\"pt-cv-rmwrap\"><a href=\"https:\/\/www.dmsjuridica.com\/buscador_20179478954\/corteconstitucionalcronologico202454587\/t-685-13\/\" class=\"_self pt-cv-readmore btn btn-success\" target=\"_self\">Ver Sentencia Completa...<\/a><\/div><\/div><\/div><\/div>\n<div class=\"col-md-12 col-sm-12 col-xs-12 pt-cv-content-item pt-cv-1-col\" ><div class='pt-cv-ifield'><a href=\"https:\/\/www.dmsjuridica.com\/buscador_20179478954\/corteconstitucionalcronologico202454587\/t-684-13\/\" class=\"_self pt-cv-href-thumbnail pt-cv-thumb-default\" target=\"_self\" ><\/a>\n<div class=\"pt-cv-taxoterm above_title\"><a href='https:\/\/www.dmsjuridica.com\/buscador_20179478954\/corteconstitucionalcronologico202454587\/category\/buscar-en-toda-la-corte\/2013\/tutelas-2013\/' title='Tutelas 2013' class='pt-cv-tax-tutelas-2013'>Tutelas 2013<\/a><\/div>\n<h4 class=\"pt-cv-title\"><a href=\"https:\/\/www.dmsjuridica.com\/buscador_20179478954\/corteconstitucionalcronologico202454587\/t-684-13\/\" class=\"_self\" target=\"_self\" >T-684-13<\/a><\/h4>\n<div class=\"pt-cv-content\">Sentencia T-684\/13 \u00a0 \u00a0 PROCESO DE LANZAMIENTO POR OCUPACION DE HECHO-Procedencia \u00a0 excepcional de tutela \u00a0 \u00a0 LANZAMIENTO POR OCUPACION DE HECHO-Diligencia \u00a0 administrativa que cumple funciones judiciales \u00a0 \u00a0 JUICIO DE POLICIA-Inexistencia de \u00a0 recursos ante la jurisdicci\u00f3n de lo contencioso administrativo \u00a0 \u00a0 La jurisprudencia constitucional ha establecido que la \u00a0 finalidad de que no exista recurso, ante la jurisdicci\u00f3n de lo contencioso \u00a0 administrativo, contra las decisiones de polic\u00eda, es que las mismas tengan un \u00a0 efecto inmediato para evitar la perturbaci\u00f3n del orden p\u00fablico y mantener as\u00ed el \u00a0 statu quo. Y en este sentido, en ...<br \/><div class=\"pt-cv-rmwrap\"><a href=\"https:\/\/www.dmsjuridica.com\/buscador_20179478954\/corteconstitucionalcronologico202454587\/t-684-13\/\" class=\"_self pt-cv-readmore btn btn-success\" target=\"_self\">Ver Sentencia Completa...<\/a><\/div><\/div><\/div><\/div>\n<div class=\"col-md-12 col-sm-12 col-xs-12 pt-cv-content-item pt-cv-1-col\" ><div class='pt-cv-ifield'><a href=\"https:\/\/www.dmsjuridica.com\/buscador_20179478954\/corteconstitucionalcronologico202454587\/t-683-13\/\" class=\"_self pt-cv-href-thumbnail pt-cv-thumb-default\" target=\"_self\" ><\/a>\n<div class=\"pt-cv-taxoterm above_title\"><a href='https:\/\/www.dmsjuridica.com\/buscador_20179478954\/corteconstitucionalcronologico202454587\/category\/buscar-en-toda-la-corte\/2013\/tutelas-2013\/' title='Tutelas 2013' class='pt-cv-tax-tutelas-2013'>Tutelas 2013<\/a><\/div>\n<h4 class=\"pt-cv-title\"><a href=\"https:\/\/www.dmsjuridica.com\/buscador_20179478954\/corteconstitucionalcronologico202454587\/t-683-13\/\" class=\"_self\" target=\"_self\" >T-683-13<\/a><\/h4>\n<div class=\"pt-cv-content\">\u00a0 \u00a0 \u00a0 \u00a0 \u00a0 \u00a0T-683-13 \u00a0 \u00a0 \u00a0 \u00a0 \u00a0 \u00a0\u00a0 Sentencia T-683\/13 \u00a0 \u00a0 LEGITIMACION EN LA CAUSA POR ACTIVA Y AGENCIA OFICIOSA EN LA ACCION DE TUTELA-Requisitos \u00a0 \u00a0 La Corte Constitucional ha \u00a0 reiterado que para que proceda la agencia oficiosa en materia de tutela, es \u00a0 necesario que (i) el agente oficioso manifieste expl\u00edcitamente que est\u00e1 actuando \u00a0 como tal, y (ii) que demuestre que la persona titular del derecho amenazado o \u00a0 vulnerado se encuentra imposibilitada para promover su propia defensa, ya sea \u00a0 por incapacidad f\u00edsica o mental. La agencia oficiosa es permitida ...<br \/><div class=\"pt-cv-rmwrap\"><a href=\"https:\/\/www.dmsjuridica.com\/buscador_20179478954\/corteconstitucionalcronologico202454587\/t-683-13\/\" class=\"_self pt-cv-readmore btn btn-success\" target=\"_self\">Ver Sentencia Completa...<\/a><\/div><\/div><\/div><\/div>\n<div class=\"col-md-12 col-sm-12 col-xs-12 pt-cv-content-item pt-cv-1-col\" ><div class='pt-cv-ifield'><a href=\"https:\/\/www.dmsjuridica.com\/buscador_20179478954\/corteconstitucionalcronologico202454587\/t-682-13\/\" class=\"_self pt-cv-href-thumbnail pt-cv-thumb-default\" target=\"_self\" ><\/a>\n<div class=\"pt-cv-taxoterm above_title\"><a href='https:\/\/www.dmsjuridica.com\/buscador_20179478954\/corteconstitucionalcronologico202454587\/category\/buscar-en-toda-la-corte\/2013\/tutelas-2013\/' title='Tutelas 2013' class='pt-cv-tax-tutelas-2013'>Tutelas 2013<\/a><\/div>\n<h4 class=\"pt-cv-title\"><a href=\"https:\/\/www.dmsjuridica.com\/buscador_20179478954\/corteconstitucionalcronologico202454587\/t-682-13\/\" class=\"_self\" target=\"_self\" >T-682-13<\/a><\/h4>\n<div class=\"pt-cv-content\">\u00a0 \u00a0 \u00a0 \u00a0 \u00a0 \u00a0T-682-13 \u00a0 \u00a0 \u00a0 \u00a0 \u00a0 \u00a0\u00a0 Sentencia T-682\/13 \u00a0 \u00a0 LEGITIMACION EN LA CAUSA POR ACTIVA Y AGENCIA OFICIOSA \u00a0 EN LA ACCION DE TUTELA-Requisitos \u00a0 \u00a0 AGENCIA OFICIOSA EN CASOS DE TUTELAS \u00a0 INTERPUESTAS POR TERCERAS PERSONAS QUE SOLICITAN APLICACION DE EXENCIONES DEL \u00a0 SERVICIO MILITAR-Caso en que \u00a0 la accionante act\u00faa en representaci\u00f3n de hijo, de nuera y de nieto que est\u00e1 por \u00a0 nacer \u00a0 \u00a0 LEGITIMACION POR ACTIVA EN TUTELA-Defensor del Pueblo en representaci\u00f3n de \u00a0 compa\u00f1era permanente y de hijo que est\u00e1 por nacer de soldado quien est\u00e1 \u00a0 ...<br \/><div class=\"pt-cv-rmwrap\"><a href=\"https:\/\/www.dmsjuridica.com\/buscador_20179478954\/corteconstitucionalcronologico202454587\/t-682-13\/\" class=\"_self pt-cv-readmore btn btn-success\" target=\"_self\">Ver Sentencia Completa...<\/a><\/div><\/div><\/div><\/div>\n<div class=\"col-md-12 col-sm-12 col-xs-12 pt-cv-content-item pt-cv-1-col\" ><div class='pt-cv-ifield'><a href=\"https:\/\/www.dmsjuridica.com\/buscador_20179478954\/corteconstitucionalcronologico202454587\/t-681-13\/\" class=\"_self pt-cv-href-thumbnail pt-cv-thumb-default\" target=\"_self\" ><\/a>\n<div class=\"pt-cv-taxoterm above_title\"><a href='https:\/\/www.dmsjuridica.com\/buscador_20179478954\/corteconstitucionalcronologico202454587\/category\/buscar-en-toda-la-corte\/2013\/tutelas-2013\/' title='Tutelas 2013' class='pt-cv-tax-tutelas-2013'>Tutelas 2013<\/a><\/div>\n<h4 class=\"pt-cv-title\"><a href=\"https:\/\/www.dmsjuridica.com\/buscador_20179478954\/corteconstitucionalcronologico202454587\/t-681-13\/\" class=\"_self\" target=\"_self\" >T-681-13<\/a><\/h4>\n<div class=\"pt-cv-content\">\u00a0 \u00a0 \u00a0 \u00a0 \u00a0 \u00a0T-681-13 \u00a0 \u00a0 \u00a0 \u00a0 \u00a0 \u00a0\u00a0 Sentencia T-681\/13 \u00a0 \u00a0 ACCION DE TUTELA PARA RECONOCIMIENTO DE PRESTACIONES \u00a0 SOCIALES-Procedencia excepcional \u00a0 \u00a0 ACCION DE TUTELA PARA EL RECONOCIMIENTO DE INDEMNIZACION SUSTITUTIVA DE \u00a0 PENSION DE VEJEZ-Procedencia cuando afecta m\u00ednimo vital \u00a0 y dem\u00e1s derechos de personas de la tercera edad \u00a0 \u00a0 Aun cuando \u00a0 la acci\u00f3n de tutela es subsidiaria o residual, ello no impide su procedencia \u00a0 excepcional para casos en los cuales existen medios ordinarios de defensa \u00a0 judicial, como ocurre cuando se pretende el reconocimiento de la indemnizaci\u00f3n \u00a0 sustitutiva ...<br \/><div class=\"pt-cv-rmwrap\"><a href=\"https:\/\/www.dmsjuridica.com\/buscador_20179478954\/corteconstitucionalcronologico202454587\/t-681-13\/\" class=\"_self pt-cv-readmore btn btn-success\" target=\"_self\">Ver Sentencia Completa...<\/a><\/div><\/div><\/div><\/div>\n<div class=\"col-md-12 col-sm-12 col-xs-12 pt-cv-content-item pt-cv-1-col\" ><div class='pt-cv-ifield'><a href=\"https:\/\/www.dmsjuridica.com\/buscador_20179478954\/corteconstitucionalcronologico202454587\/t-680-13\/\" class=\"_self pt-cv-href-thumbnail pt-cv-thumb-default\" target=\"_self\" ><\/a>\n<div class=\"pt-cv-taxoterm above_title\"><a href='https:\/\/www.dmsjuridica.com\/buscador_20179478954\/corteconstitucionalcronologico202454587\/category\/buscar-en-toda-la-corte\/2013\/tutelas-2013\/' title='Tutelas 2013' class='pt-cv-tax-tutelas-2013'>Tutelas 2013<\/a><\/div>\n<h4 class=\"pt-cv-title\"><a href=\"https:\/\/www.dmsjuridica.com\/buscador_20179478954\/corteconstitucionalcronologico202454587\/t-680-13\/\" class=\"_self\" target=\"_self\" >T-680-13<\/a><\/h4>\n<div class=\"pt-cv-content\">\u00a0 \u00a0 \u00a0 \u00a0 \u00a0 \u00a0T-680-13 \u00a0 \u00a0 \u00a0 \u00a0 \u00a0 \u00a0\u00a0 Sentencia T-680\/13 \u00a0 \u00a0 ACCION DE TUTELA TEMERARIA-Valoraci\u00f3n cuidadosa por el juez cuando se interpone \u00a0 duplicidad de acciones de tutela para proteger derecho a la salud \u00a0 \u00a0 La Corte ha se\u00f1alado que cuando un juez constitucional tiene noticia de que un \u00a0 usuario del sistema de salud presenta una tutela con identidad de partes y de \u00a0 pretensiones de una acci\u00f3n anterior, tiene el deber de verificar si la situaci\u00f3n \u00a0 de salud del peticionario ha variado entre el momento en que present\u00f3 la primera \u00a0 ...<br \/><div class=\"pt-cv-rmwrap\"><a href=\"https:\/\/www.dmsjuridica.com\/buscador_20179478954\/corteconstitucionalcronologico202454587\/t-680-13\/\" class=\"_self pt-cv-readmore btn btn-success\" target=\"_self\">Ver Sentencia Completa...<\/a><\/div><\/div><\/div><\/div>\n<div class=\"col-md-12 col-sm-12 col-xs-12 pt-cv-content-item pt-cv-1-col\" ><div class='pt-cv-ifield'><a href=\"https:\/\/www.dmsjuridica.com\/buscador_20179478954\/corteconstitucionalcronologico202454587\/t-679-13\/\" class=\"_self pt-cv-href-thumbnail pt-cv-thumb-default\" target=\"_self\" ><\/a>\n<div class=\"pt-cv-taxoterm above_title\"><a href='https:\/\/www.dmsjuridica.com\/buscador_20179478954\/corteconstitucionalcronologico202454587\/category\/buscar-en-toda-la-corte\/2013\/tutelas-2013\/' title='Tutelas 2013' class='pt-cv-tax-tutelas-2013'>Tutelas 2013<\/a><\/div>\n<h4 class=\"pt-cv-title\"><a href=\"https:\/\/www.dmsjuridica.com\/buscador_20179478954\/corteconstitucionalcronologico202454587\/t-679-13\/\" class=\"_self\" target=\"_self\" >T-679-13<\/a><\/h4>\n<div class=\"pt-cv-content\">\u00a0 \u00a0 \u00a0 \u00a0 \u00a0 \u00a0T-679-13 \u00a0 \u00a0 \u00a0 \u00a0 \u00a0 \u00a0\u00a0 Sentencia T-679\/13 \u00a0 \u00a0 DERECHO FUNDAMENTAL A LA SALUD FRENTE A LOS CONTENIDOS \u00a0 DEL PLAN OBLIGATORIO DE SALUD-Protecci\u00f3n \u00a0 constitucional e internacional \u00a0 \u00a0 El derecho a la salud, frente a los contenidos del Plan Obligatorio de Salud, \u00a0 comprende dos dimensiones, a saber:\u201c(i) de una parte, el derecho a obtener la \u00a0 prestaci\u00f3n real, efectiva y oportuna del servicio m\u00e9dico incluido dentro del POS \u00a0 y, (ii) de otra, la asunci\u00f3n total de los costos del servicio, por cuenta de las \u00a0 entidades que tienen a ...<br \/><div class=\"pt-cv-rmwrap\"><a href=\"https:\/\/www.dmsjuridica.com\/buscador_20179478954\/corteconstitucionalcronologico202454587\/t-679-13\/\" class=\"_self pt-cv-readmore btn btn-success\" target=\"_self\">Ver Sentencia Completa...<\/a><\/div><\/div><\/div><\/div>\n<div class=\"col-md-12 col-sm-12 col-xs-12 pt-cv-content-item pt-cv-1-col\" ><div class='pt-cv-ifield'><a href=\"https:\/\/www.dmsjuridica.com\/buscador_20179478954\/corteconstitucionalcronologico202454587\/t-676-13\/\" class=\"_self pt-cv-href-thumbnail pt-cv-thumb-default\" target=\"_self\" ><\/a>\n<div class=\"pt-cv-taxoterm above_title\"><a href='https:\/\/www.dmsjuridica.com\/buscador_20179478954\/corteconstitucionalcronologico202454587\/category\/buscar-en-toda-la-corte\/2013\/tutelas-2013\/' title='Tutelas 2013' class='pt-cv-tax-tutelas-2013'>Tutelas 2013<\/a><\/div>\n<h4 class=\"pt-cv-title\"><a href=\"https:\/\/www.dmsjuridica.com\/buscador_20179478954\/corteconstitucionalcronologico202454587\/t-676-13\/\" class=\"_self\" target=\"_self\" >T-676-13<\/a><\/h4>\n<div class=\"pt-cv-content\">\u00a0 \u00a0 \u00a0 \u00a0 \u00a0 \u00a0T-676-13 \u00a0 \u00a0 \u00a0 \u00a0 \u00a0 \u00a0\u00a0 Sentencia T-676\/13 \u00a0 \u00a0 ACCION DE TUTELA CONTRA PROVIDENCIAS JUDICIALES-Requisitos generales y especiales de procedibilidad \u00a0 \u00a0 CARACTERIZACION DEL DEFECTO POR DESCONOCIMIENTO DEL PRECEDENTE \u00a0 CONSTITUCIONAL \u00a0 \u00a0 ACUMULACION DE TIEMPOS DE \u00a0 SERVICIOS PRESTADOS TANTO EN EL SECTOR PRIVADO COMO EN EL SECTOR PUBLICO EN \u00a0 CONTRATO LABORAL VIGENTE-Precedente fijado en sentencias C-506-01 y C-1024-04 \u00a0 \u00a0 DEBER LEGAL DE APROVISIONAMIENTO-Inexistencia \u00a0 de precedente constitucional consolidado \u00a0 \u00a0 ACCION DE TUTELA CONTRA PROVIDENCIAS JUDICIALES-Inexistencia de defecto por desconocimiento del precedente \u00a0 constitucional, por cuanto existen diversos criterios ...<br \/><div class=\"pt-cv-rmwrap\"><a href=\"https:\/\/www.dmsjuridica.com\/buscador_20179478954\/corteconstitucionalcronologico202454587\/t-676-13\/\" class=\"_self pt-cv-readmore btn btn-success\" target=\"_self\">Ver Sentencia Completa...<\/a><\/div><\/div><\/div><\/div>\n<div class=\"col-md-12 col-sm-12 col-xs-12 pt-cv-content-item pt-cv-1-col\" ><div class='pt-cv-ifield'><a href=\"https:\/\/www.dmsjuridica.com\/buscador_20179478954\/corteconstitucionalcronologico202454587\/t-675-13\/\" class=\"_self pt-cv-href-thumbnail pt-cv-thumb-default\" target=\"_self\" ><\/a>\n<div class=\"pt-cv-taxoterm above_title\"><a href='https:\/\/www.dmsjuridica.com\/buscador_20179478954\/corteconstitucionalcronologico202454587\/category\/buscar-en-toda-la-corte\/2013\/tutelas-2013\/' title='Tutelas 2013' class='pt-cv-tax-tutelas-2013'>Tutelas 2013<\/a><\/div>\n<h4 class=\"pt-cv-title\"><a href=\"https:\/\/www.dmsjuridica.com\/buscador_20179478954\/corteconstitucionalcronologico202454587\/t-675-13\/\" class=\"_self\" target=\"_self\" >T-675-13<\/a><\/h4>\n<div class=\"pt-cv-content\">\u00a0 \u00a0 \u00a0 \u00a0 \u00a0 \u00a0T-675-13 \u00a0 \u00a0 \u00a0 \u00a0 \u00a0 \u00a0\u00a0 Sentencia T-675\/13 \u00a0 \u00a0 DERECHO \u00a0 FUNDAMENTAL A LA SALUD DE LOS NI\u00d1OS Y NI\u00d1AS CON DISCAPACIDAD-Protecci\u00f3n \u00a0 constitucional \u00a0 \u00a0 DERECHO A LA \u00a0 SALUD DE NI\u00d1OS Y NI\u00d1AS EN SITUACION DE DISCAPACIDAD Y PRINCIPIO DE INTEGRALIDAD-Protecci\u00f3n \u00a0 constitucional \u00a0 \u00a0 El Estado est\u00e1 en la obligaci\u00f3n de prestar los servicios de \u00a0 salud libre de discriminaci\u00f3n y de obst\u00e1culos de cualquier \u00edndole, a los ni\u00f1os \u00a0 que sufren alg\u00fan tipo de discapacidad f\u00edsica o mental y de garantizar que se les \u00a0 brindar\u00e1 un tratamiento integral, ...<br \/><div class=\"pt-cv-rmwrap\"><a href=\"https:\/\/www.dmsjuridica.com\/buscador_20179478954\/corteconstitucionalcronologico202454587\/t-675-13\/\" class=\"_self pt-cv-readmore btn btn-success\" target=\"_self\">Ver Sentencia Completa...<\/a><\/div><\/div><\/div><\/div>\n<div class=\"col-md-12 col-sm-12 col-xs-12 pt-cv-content-item pt-cv-1-col\" ><div class='pt-cv-ifield'><a href=\"https:\/\/www.dmsjuridica.com\/buscador_20179478954\/corteconstitucionalcronologico202454587\/t-674-13\/\" class=\"_self pt-cv-href-thumbnail pt-cv-thumb-default\" target=\"_self\" ><\/a>\n<div class=\"pt-cv-taxoterm above_title\"><a href='https:\/\/www.dmsjuridica.com\/buscador_20179478954\/corteconstitucionalcronologico202454587\/category\/buscar-en-toda-la-corte\/2013\/tutelas-2013\/' title='Tutelas 2013' class='pt-cv-tax-tutelas-2013'>Tutelas 2013<\/a><\/div>\n<h4 class=\"pt-cv-title\"><a href=\"https:\/\/www.dmsjuridica.com\/buscador_20179478954\/corteconstitucionalcronologico202454587\/t-674-13\/\" class=\"_self\" target=\"_self\" >T-674-13<\/a><\/h4>\n<div class=\"pt-cv-content\">\u00a0 \u00a0 \u00a0 \u00a0 \u00a0 \u00a0T-674-13 \u00a0 \u00a0 \u00a0 \u00a0 \u00a0 \u00a0\u00a0 Sentencia T-674\/13 \u00a0 \u00a0 ACCION DE TUTELA CONTRA PROVIDENCIAS JUDICIALES-Requisitos generales y especiales de procedibilidad \u00a0 \u00a0 CARACTERIZACION DEL DEFECTO PROCEDIMENTAL ABSOLUTO COMO \u00a0 CAUSAL DE PROCEDIBILIDAD DE LA ACCION DE TUTELA CONTRA PROVIDENCIAS JUDICIALES-Reiteraci\u00f3n \u00a0 de jurisprudencia \u00a0 \u00a0 En relaci\u00f3n con el defecto procedimental esta \u00a0 corporaci\u00f3n ha se\u00f1alado que se presenta cuando el funcionario judicial encargado \u00a0 de adoptar la decisi\u00f3n no act\u00faa ci\u00f1\u00e9ndose a los postulados procesales aplicables \u00a0 al caso y por el contrario desconoce de manera evidente los supuestos legales, \u00a0 lo ...<br \/><div class=\"pt-cv-rmwrap\"><a href=\"https:\/\/www.dmsjuridica.com\/buscador_20179478954\/corteconstitucionalcronologico202454587\/t-674-13\/\" class=\"_self pt-cv-readmore btn btn-success\" target=\"_self\">Ver Sentencia Completa...<\/a><\/div><\/div><\/div><\/div>\n<div class=\"col-md-12 col-sm-12 col-xs-12 pt-cv-content-item pt-cv-1-col\" ><div class='pt-cv-ifield'><a href=\"https:\/\/www.dmsjuridica.com\/buscador_20179478954\/corteconstitucionalcronologico202454587\/t-673-13\/\" class=\"_self pt-cv-href-thumbnail pt-cv-thumb-default\" target=\"_self\" ><\/a>\n<div class=\"pt-cv-taxoterm above_title\"><a href='https:\/\/www.dmsjuridica.com\/buscador_20179478954\/corteconstitucionalcronologico202454587\/category\/buscar-en-toda-la-corte\/2013\/tutelas-2013\/' title='Tutelas 2013' class='pt-cv-tax-tutelas-2013'>Tutelas 2013<\/a><\/div>\n<h4 class=\"pt-cv-title\"><a href=\"https:\/\/www.dmsjuridica.com\/buscador_20179478954\/corteconstitucionalcronologico202454587\/t-673-13\/\" class=\"_self\" target=\"_self\" >T-673-13<\/a><\/h4>\n<div class=\"pt-cv-content\">\u00a0 \u00a0 \u00a0 \u00a0 \u00a0 \u00a0T-673-13 \u00a0 \u00a0 \u00a0 \u00a0 \u00a0 \u00a0\u00a0 Sentencia T-673\/13 \u00a0 \u00a0 DERECHO A LA \u00a0 DIGNIDAD HUMANA Y AL LIBRE DESARROLLO DE LA PERSONALIDAD-Garant\u00eda \u00a0 constitucional \u00a0 \u00a0 La Corte \u00a0 Constitucional tomando como punto de partida los principios fundamentales de \u00a0 nuestro Estado Social de Derecho, previstos en el art\u00edculo 1\u00b0 de la Carta, ha \u00a0 abordado y catalogado el derecho a la dignidad humana como de raigambre \u00a0 fundamental en tanto que el texto superior se\u00f1ala que Colombia est\u00e1 fundada en \u00a0 el respeto a esta, por lo que ha reconocido su estatus ...<br \/><div class=\"pt-cv-rmwrap\"><a href=\"https:\/\/www.dmsjuridica.com\/buscador_20179478954\/corteconstitucionalcronologico202454587\/t-673-13\/\" class=\"_self pt-cv-readmore btn btn-success\" target=\"_self\">Ver Sentencia Completa...<\/a><\/div><\/div><\/div><\/div>\n<div class=\"col-md-12 col-sm-12 col-xs-12 pt-cv-content-item pt-cv-1-col\" ><div class='pt-cv-ifield'><a href=\"https:\/\/www.dmsjuridica.com\/buscador_20179478954\/corteconstitucionalcronologico202454587\/t-672-13\/\" class=\"_self pt-cv-href-thumbnail pt-cv-thumb-default\" target=\"_self\" ><\/a>\n<div class=\"pt-cv-taxoterm above_title\"><a href='https:\/\/www.dmsjuridica.com\/buscador_20179478954\/corteconstitucionalcronologico202454587\/category\/buscar-en-toda-la-corte\/2013\/tutelas-2013\/' title='Tutelas 2013' class='pt-cv-tax-tutelas-2013'>Tutelas 2013<\/a><\/div>\n<h4 class=\"pt-cv-title\"><a href=\"https:\/\/www.dmsjuridica.com\/buscador_20179478954\/corteconstitucionalcronologico202454587\/t-672-13\/\" class=\"_self\" target=\"_self\" >T-672-13<\/a><\/h4>\n<div class=\"pt-cv-content\">\u00a0 \u00a0 \u00a0 \u00a0 \u00a0 \u00a0T-672-13 \u00a0 \u00a0 \u00a0 \u00a0 \u00a0 \u00a0\u00a0 \u00a0Sentencia T-672\/13 \u00a0 \u00a0 LEGITIMACION POR ACTIVA EN TUTELA-Cualquier persona puede exigir el cumplimiento de los \u00a0 derechos de los ni\u00f1os \u00a0 \u00a0 ACCION DE TUTELA CONTRA PROVIDENCIAS \u00a0 JUDICIALES-Requisitos generales y \u00a0 especiales de procedibilidad \u00a0 \u00a0 La acci\u00f3n de tutela procede \u00a0 excepcionalmente contra providencias judiciales siempre que se cumplan los \u00a0 requisitos generales de procedibilidad, la decisi\u00f3n debatida por esta v\u00eda haya \u00a0 incurrido en uno o varios de los defectos o vicios espec\u00edficos y, a su vez, el \u00a0 defecto sea de tal magnitud ...<br \/><div class=\"pt-cv-rmwrap\"><a href=\"https:\/\/www.dmsjuridica.com\/buscador_20179478954\/corteconstitucionalcronologico202454587\/t-672-13\/\" class=\"_self pt-cv-readmore btn btn-success\" target=\"_self\">Ver Sentencia Completa...<\/a><\/div><\/div><\/div><\/div>\n<div class=\"col-md-12 col-sm-12 col-xs-12 pt-cv-content-item pt-cv-1-col\" ><div class='pt-cv-ifield'><a href=\"https:\/\/www.dmsjuridica.com\/buscador_20179478954\/corteconstitucionalcronologico202454587\/t-671-13\/\" class=\"_self pt-cv-href-thumbnail pt-cv-thumb-default\" target=\"_self\" ><\/a>\n<div class=\"pt-cv-taxoterm above_title\"><a href='https:\/\/www.dmsjuridica.com\/buscador_20179478954\/corteconstitucionalcronologico202454587\/category\/buscar-en-toda-la-corte\/2013\/tutelas-2013\/' title='Tutelas 2013' class='pt-cv-tax-tutelas-2013'>Tutelas 2013<\/a><\/div>\n<h4 class=\"pt-cv-title\"><a href=\"https:\/\/www.dmsjuridica.com\/buscador_20179478954\/corteconstitucionalcronologico202454587\/t-671-13\/\" class=\"_self\" target=\"_self\" >T-671-13<\/a><\/h4>\n<div class=\"pt-cv-content\">\u00a0 \u00a0 \u00a0 \u00a0 \u00a0 \u00a0T-671-13 \u00a0 \u00a0 \u00a0 \u00a0 \u00a0 \u00a0\u00a0 Sentencia T-671\/13 \u00a0 \u00a0 PROTECCION CONSTITUCIONAL DEL DERECHO FUNDAMENTAL A LA \u00a0 SALUD-Reiteraci\u00f3n de jurisprudencia \u00a0 \u00a0 PRINCIPIO DE INTEGRIDAD EN LA PRESTACION DEL SERVICIO \u00a0 DE SALUD-La prestaci\u00f3n del servicio de \u00a0 salud debe ser oportuna, eficiente y de calidad \u00a0 \u00a0 Este alto tribunal ha desarrollado dos perspectivas del \u00a0 principio de integralidad de la garant\u00eda del derecho a la salud. Una referente a \u00a0 las dimensiones que tienen las personas en materia de salud, preventiva, \u00a0 educativa, informativa, fisiol\u00f3gica, psicol\u00f3gica, entre otras. Y la segunda ...<br \/><div class=\"pt-cv-rmwrap\"><a href=\"https:\/\/www.dmsjuridica.com\/buscador_20179478954\/corteconstitucionalcronologico202454587\/t-671-13\/\" class=\"_self pt-cv-readmore btn btn-success\" target=\"_self\">Ver Sentencia Completa...<\/a><\/div><\/div><\/div><\/div>\n<div class=\"col-md-12 col-sm-12 col-xs-12 pt-cv-content-item pt-cv-1-col\" ><div class='pt-cv-ifield'><a href=\"https:\/\/www.dmsjuridica.com\/buscador_20179478954\/corteconstitucionalcronologico202454587\/t-670-13\/\" class=\"_self pt-cv-href-thumbnail pt-cv-thumb-default\" target=\"_self\" ><\/a>\n<div class=\"pt-cv-taxoterm above_title\"><a href='https:\/\/www.dmsjuridica.com\/buscador_20179478954\/corteconstitucionalcronologico202454587\/category\/buscar-en-toda-la-corte\/2013\/tutelas-2013\/' title='Tutelas 2013' class='pt-cv-tax-tutelas-2013'>Tutelas 2013<\/a><\/div>\n<h4 class=\"pt-cv-title\"><a href=\"https:\/\/www.dmsjuridica.com\/buscador_20179478954\/corteconstitucionalcronologico202454587\/t-670-13\/\" class=\"_self\" target=\"_self\" >T-670-13<\/a><\/h4>\n<div class=\"pt-cv-content\">\u00a0 \u00a0 \u00a0 \u00a0 \u00a0 \u00a0T-670-13 \u00a0 \u00a0 \u00a0 \u00a0 \u00a0 \u00a0\u00a0 Sentencia T-670\/13 \u00a0 \u00a0 ACCION DE TUTELA PARA PAGO DE PRESTACIONES SOCIALES-Reiteraci\u00f3n de jurisprudencia sobre requisitos de \u00a0 procedencia excepcional \u00a0 \u00a0 ACCION DE TUTELA PARA RECONOCIMIENTO DE PENSION DE \u00a0 INVALIDEZ-Procedencia excepcional \u00a0 \u00a0 La jurisprudencia constitucional, en reiteradas oportunidades, ha se\u00f1alado que \u00a0 debido a la implementaci\u00f3n por parte del ordenamiento jur\u00eddico de mecanismos \u00a0 judiciales para la soluci\u00f3n de controversias tendientes al reconocimiento de \u00a0 derechos pensionales y al pago de prestaciones sociales, como es el caso de la \u00a0 pensi\u00f3n de invalidez, cuando se ...<br \/><div class=\"pt-cv-rmwrap\"><a href=\"https:\/\/www.dmsjuridica.com\/buscador_20179478954\/corteconstitucionalcronologico202454587\/t-670-13\/\" class=\"_self pt-cv-readmore btn btn-success\" target=\"_self\">Ver Sentencia Completa...<\/a><\/div><\/div><\/div><\/div>\n<div class=\"col-md-12 col-sm-12 col-xs-12 pt-cv-content-item pt-cv-1-col\" ><div class='pt-cv-ifield'><a href=\"https:\/\/www.dmsjuridica.com\/buscador_20179478954\/corteconstitucionalcronologico202454587\/t-669-13\/\" class=\"_self pt-cv-href-thumbnail pt-cv-thumb-default\" target=\"_self\" ><\/a>\n<div class=\"pt-cv-taxoterm above_title\"><a href='https:\/\/www.dmsjuridica.com\/buscador_20179478954\/corteconstitucionalcronologico202454587\/category\/buscar-en-toda-la-corte\/2013\/tutelas-2013\/' title='Tutelas 2013' class='pt-cv-tax-tutelas-2013'>Tutelas 2013<\/a><\/div>\n<h4 class=\"pt-cv-title\"><a href=\"https:\/\/www.dmsjuridica.com\/buscador_20179478954\/corteconstitucionalcronologico202454587\/t-669-13\/\" class=\"_self\" target=\"_self\" >T-669-13<\/a><\/h4>\n<div class=\"pt-cv-content\">\u00a0 \u00a0 \u00a0 \u00a0 \u00a0 \u00a0T-669-13 \u00a0 \u00a0 \u00a0 \u00a0 \u00a0 \u00a0\u00a0 Sentencia T-669\/13 \u00a0 \u00a0 PRINCIPIO DE SUBSIDIARIEDAD DE LA ACCION DE TUTELA ANTE \u00a0 LA EXISTENCIA DE MECANISMOS DE DEFENSA JUDICIAL PERTINENTES-Reiteraci\u00f3n de jurisprudencia \u00a0 \u00a0 La Corte ha reiterado que la acci\u00f3n de tutela no se ha \u00a0 constituido como una instancia para decidir conflictos de rango legal, puesto \u00a0 que para abordar temas de este orden la misma Carta Pol\u00edtica ha contemplado, en \u00a0 su t\u00edtulo VIII, la existencia de jurisdicciones distintas a la constitucional, \u00a0 las cuales deben someterse a los dictados de la ley ...<br \/><div class=\"pt-cv-rmwrap\"><a href=\"https:\/\/www.dmsjuridica.com\/buscador_20179478954\/corteconstitucionalcronologico202454587\/t-669-13\/\" class=\"_self pt-cv-readmore btn btn-success\" target=\"_self\">Ver Sentencia Completa...<\/a><\/div><\/div><\/div><\/div>\n<div class=\"col-md-12 col-sm-12 col-xs-12 pt-cv-content-item pt-cv-1-col\" ><div class='pt-cv-ifield'><a href=\"https:\/\/www.dmsjuridica.com\/buscador_20179478954\/corteconstitucionalcronologico202454587\/t-668-13\/\" class=\"_self pt-cv-href-thumbnail pt-cv-thumb-default\" target=\"_self\" ><\/a>\n<div class=\"pt-cv-taxoterm above_title\"><a href='https:\/\/www.dmsjuridica.com\/buscador_20179478954\/corteconstitucionalcronologico202454587\/category\/buscar-en-toda-la-corte\/2013\/tutelas-2013\/' title='Tutelas 2013' class='pt-cv-tax-tutelas-2013'>Tutelas 2013<\/a><\/div>\n<h4 class=\"pt-cv-title\"><a href=\"https:\/\/www.dmsjuridica.com\/buscador_20179478954\/corteconstitucionalcronologico202454587\/t-668-13\/\" class=\"_self\" target=\"_self\" >T-668-13<\/a><\/h4>\n<div class=\"pt-cv-content\">\u00a0 \u00a0 \u00a0 \u00a0 \u00a0 \u00a0T-668-13 \u00a0 \u00a0 \u00a0 \u00a0 \u00a0 \u00a0\u00a0 Sentencia T-668\/13 \u00a0 \u00a0 ACCION DE TUTELA CONTRA PROVIDENCIAS \u00a0 JUDICIALES-Requisitos \u00a0 generales y especiales de procedibilidad \u00a0 \u00a0 DEBIDO PROCESO EN MATERIA PENAL-Protecci\u00f3n especial al derecho de defensa \u00a0 \u00a0 Una de las principales garant\u00edas del \u00a0 debido proceso es precisamente el derecho a la defensa, entendido como la \u00a0 oportunidad reconocida a toda persona, en el \u00e1mbito de cualquier proceso o \u00a0 actuaci\u00f3n judicial o administrativa, de ser o\u00edda, de hacer valer las propias \u00a0 razones y argumentos, de controvertir, contradecir y objetar las pruebas \u00a0 ...<br \/><div class=\"pt-cv-rmwrap\"><a href=\"https:\/\/www.dmsjuridica.com\/buscador_20179478954\/corteconstitucionalcronologico202454587\/t-668-13\/\" class=\"_self pt-cv-readmore btn btn-success\" target=\"_self\">Ver Sentencia Completa...<\/a><\/div><\/div><\/div><\/div>\n<div class=\"col-md-12 col-sm-12 col-xs-12 pt-cv-content-item pt-cv-1-col\" ><div class='pt-cv-ifield'><a href=\"https:\/\/www.dmsjuridica.com\/buscador_20179478954\/corteconstitucionalcronologico202454587\/t-667-13\/\" class=\"_self pt-cv-href-thumbnail pt-cv-thumb-default\" target=\"_self\" ><\/a>\n<div class=\"pt-cv-taxoterm above_title\"><a href='https:\/\/www.dmsjuridica.com\/buscador_20179478954\/corteconstitucionalcronologico202454587\/category\/buscar-en-toda-la-corte\/2013\/tutelas-2013\/' title='Tutelas 2013' class='pt-cv-tax-tutelas-2013'>Tutelas 2013<\/a><\/div>\n<h4 class=\"pt-cv-title\"><a href=\"https:\/\/www.dmsjuridica.com\/buscador_20179478954\/corteconstitucionalcronologico202454587\/t-667-13\/\" class=\"_self\" target=\"_self\" >T-667-13<\/a><\/h4>\n<div class=\"pt-cv-content\">\u00a0 \u00a0 \u00a0 \u00a0 \u00a0 \u00a0T-667-13 \u00a0 \u00a0 \u00a0 \u00a0 \u00a0 \u00a0\u00a0 Sentencia \u00a0 T-667\/13 \u00a0 \u00a0 DERECHO FUNDAMENTAL A LA SALUD DE NI\u00d1OS Y \u00a0 NI\u00d1AS-Debe ser atendido en \u00a0 forma inmediata y prioritaria \u00a0 \u00a0 La atenci\u00f3n en \u00a0 salud para los menores de edad, debe estar garantizada por el Estado, debe ser \u00a0 prioritaria, y comprende una atenci\u00f3n integral en virtud del estado de debilidad \u00a0 que presentan, teniendo en cuenta que este derecho fundamental es la base de un \u00a0 buen desarrollo f\u00edsico e intelectual. \u00a0 \u00a0 SISTEMA DE SEGURIDAD SOCIAL EN SALUD-R\u00e9gimen contributivo y subsidiado ...<br \/><div class=\"pt-cv-rmwrap\"><a href=\"https:\/\/www.dmsjuridica.com\/buscador_20179478954\/corteconstitucionalcronologico202454587\/t-667-13\/\" class=\"_self pt-cv-readmore btn btn-success\" target=\"_self\">Ver Sentencia Completa...<\/a><\/div><\/div><\/div><\/div>\n<div class=\"col-md-12 col-sm-12 col-xs-12 pt-cv-content-item pt-cv-1-col\" ><div class='pt-cv-ifield'><a href=\"https:\/\/www.dmsjuridica.com\/buscador_20179478954\/corteconstitucionalcronologico202454587\/t-666-13\/\" class=\"_self pt-cv-href-thumbnail pt-cv-thumb-default\" target=\"_self\" ><\/a>\n<div class=\"pt-cv-taxoterm above_title\"><a href='https:\/\/www.dmsjuridica.com\/buscador_20179478954\/corteconstitucionalcronologico202454587\/category\/buscar-en-toda-la-corte\/2013\/tutelas-2013\/' title='Tutelas 2013' class='pt-cv-tax-tutelas-2013'>Tutelas 2013<\/a><\/div>\n<h4 class=\"pt-cv-title\"><a href=\"https:\/\/www.dmsjuridica.com\/buscador_20179478954\/corteconstitucionalcronologico202454587\/t-666-13\/\" class=\"_self\" target=\"_self\" >T-666-13<\/a><\/h4>\n<div class=\"pt-cv-content\">\u00a0 \u00a0 \u00a0 \u00a0 \u00a0 \u00a0T-666-13 \u00a0 \u00a0 \u00a0 \u00a0 \u00a0 \u00a0\u00a0 Sentencia T-666\/13 \u00a0 \u00a0 DERECHO FUNDAMENTAL A LA EDUCACION DEL MENOR-Garant\u00eda constitucional al goce efectivo \u00a0 \u00a0 DERECHO A LA EDUCACION-Reconocimiento constitucional y por tratados y \u00a0 organizaciones internacionales \u00a0 \u00a0 DERECHO A LA EDUCACION-Disponibilidad, accesibilidad, aceptabilidad y \u00a0 adaptabilidad \u00a0 \u00a0 La \u00a0 jurisprudencia ha entendido que la educaci\u00f3n comprende cuatro dimensiones de \u00a0 contenido patrimonial, a saber: (i) La asequibilidad o disponibilidad del \u00a0 servicio, consistente en la obligaci\u00f3n del Estado de crear y financiar \u00a0 suficientes instituciones educativas para ponerlas a disposici\u00f3n de todos \u00a0 ...<br \/><div class=\"pt-cv-rmwrap\"><a href=\"https:\/\/www.dmsjuridica.com\/buscador_20179478954\/corteconstitucionalcronologico202454587\/t-666-13\/\" class=\"_self pt-cv-readmore btn btn-success\" target=\"_self\">Ver Sentencia Completa...<\/a><\/div><\/div><\/div><\/div>\n<div class=\"col-md-12 col-sm-12 col-xs-12 pt-cv-content-item pt-cv-1-col\" ><div class='pt-cv-ifield'><a href=\"https:\/\/www.dmsjuridica.com\/buscador_20179478954\/corteconstitucionalcronologico202454587\/t-665-13\/\" class=\"_self pt-cv-href-thumbnail pt-cv-thumb-default\" target=\"_self\" ><\/a>\n<div class=\"pt-cv-taxoterm above_title\"><a href='https:\/\/www.dmsjuridica.com\/buscador_20179478954\/corteconstitucionalcronologico202454587\/category\/buscar-en-toda-la-corte\/2013\/tutelas-2013\/' title='Tutelas 2013' class='pt-cv-tax-tutelas-2013'>Tutelas 2013<\/a><\/div>\n<h4 class=\"pt-cv-title\"><a href=\"https:\/\/www.dmsjuridica.com\/buscador_20179478954\/corteconstitucionalcronologico202454587\/t-665-13\/\" class=\"_self\" target=\"_self\" >T-665-13<\/a><\/h4>\n<div class=\"pt-cv-content\">\u00a0 \u00a0 \u00a0 \u00a0 \u00a0 \u00a0T-665-13 \u00a0 \u00a0 \u00a0 \u00a0 \u00a0 \u00a0\u00a0 Sentencia T-665\/13 \u00a0 \u00a0 ACCION DE TUTELA PARA PAGO DE PRESTACIONES SOCIALES-Reiteraci\u00f3n de jurisprudencia sobre requisitos de \u00a0 procedencia excepcional \u00a0 \u00a0 En pronunciamientos de esta \u00a0 corporaci\u00f3n, se ha insistido en la necesidad de constatar que adem\u00e1s de los \u00a0 requisitos que se acrediten por el peticionario el cumplimiento de los elementos \u00a0 que permitan configurar la existencia de un perjuicio irremediable y los \u00a0 requisitos legales, consagrados por el legislador para el reconocimiento \u00a0 prestacional pretendido, para que entonces, sea viable que la tutela desplace la ...<br \/><div class=\"pt-cv-rmwrap\"><a href=\"https:\/\/www.dmsjuridica.com\/buscador_20179478954\/corteconstitucionalcronologico202454587\/t-665-13\/\" class=\"_self pt-cv-readmore btn btn-success\" target=\"_self\">Ver Sentencia Completa...<\/a><\/div><\/div><\/div><\/div>\n<div class=\"col-md-12 col-sm-12 col-xs-12 pt-cv-content-item pt-cv-1-col\" ><div class='pt-cv-ifield'><a href=\"https:\/\/www.dmsjuridica.com\/buscador_20179478954\/corteconstitucionalcronologico202454587\/t-662-13\/\" class=\"_self pt-cv-href-thumbnail pt-cv-thumb-default\" target=\"_self\" ><\/a>\n<div class=\"pt-cv-taxoterm above_title\"><a href='https:\/\/www.dmsjuridica.com\/buscador_20179478954\/corteconstitucionalcronologico202454587\/category\/buscar-en-toda-la-corte\/2013\/tutelas-2013\/' title='Tutelas 2013' class='pt-cv-tax-tutelas-2013'>Tutelas 2013<\/a><\/div>\n<h4 class=\"pt-cv-title\"><a href=\"https:\/\/www.dmsjuridica.com\/buscador_20179478954\/corteconstitucionalcronologico202454587\/t-662-13\/\" class=\"_self\" target=\"_self\" >T-662-13<\/a><\/h4>\n<div class=\"pt-cv-content\">\u00a0 \u00a0 \u00a0 \u00a0 \u00a0 \u00a0T-662-13 \u00a0 \u00a0 \u00a0 \u00a0 \u00a0 \u00a0\u00a0 Sentencia \u00a0 T-662\/13 \u00a0 \u00a0 ACCION DE \u00a0 TUTELA CONTRA ENTIDADES FINANCIERAS Y ASEGURADORAS-Procedencia excepcional \u00a0 cuando prestan un servicio p\u00fablico o actividad de inter\u00e9s p\u00fablico \u00a0 \u00a0 Las entidades del sistema \u00a0 financiero, particularmente las aseguradoras, son prestadoras de un servicio \u00a0 p\u00fablico y los usuarios se encuentran en posici\u00f3n de indefensi\u00f3n respecto de \u00a0 ellas. En consecuencia, es perfectamente viable que sean objeto de control \u00a0 judicial v\u00eda tutela, cuando quiera que con sus acciones u omisiones atenten o \u00a0 pongan en peligro los derechos fundamentales ...<br \/><div class=\"pt-cv-rmwrap\"><a href=\"https:\/\/www.dmsjuridica.com\/buscador_20179478954\/corteconstitucionalcronologico202454587\/t-662-13\/\" class=\"_self pt-cv-readmore btn btn-success\" target=\"_self\">Ver Sentencia Completa...<\/a><\/div><\/div><\/div><\/div>\n<div class=\"col-md-12 col-sm-12 col-xs-12 pt-cv-content-item pt-cv-1-col\" ><div class='pt-cv-ifield'><a href=\"https:\/\/www.dmsjuridica.com\/buscador_20179478954\/corteconstitucionalcronologico202454587\/t-661-13\/\" class=\"_self pt-cv-href-thumbnail pt-cv-thumb-default\" target=\"_self\" ><\/a>\n<div class=\"pt-cv-taxoterm above_title\"><a href='https:\/\/www.dmsjuridica.com\/buscador_20179478954\/corteconstitucionalcronologico202454587\/category\/buscar-en-toda-la-corte\/2013\/tutelas-2013\/' title='Tutelas 2013' class='pt-cv-tax-tutelas-2013'>Tutelas 2013<\/a><\/div>\n<h4 class=\"pt-cv-title\"><a href=\"https:\/\/www.dmsjuridica.com\/buscador_20179478954\/corteconstitucionalcronologico202454587\/t-661-13\/\" class=\"_self\" target=\"_self\" >T-661-13<\/a><\/h4>\n<div class=\"pt-cv-content\">\u00a0 \u00a0 \u00a0 \u00a0 \u00a0 \u00a0T-661-13 \u00a0 \u00a0 \u00a0 \u00a0 \u00a0 \u00a0\u00a0 Sentencia \u00a0 T-661\/13 \u00a0 \u00a0 CORTE CONSTITUCIONAL-Orden en Auto \u00a0 124\/09 de acatar jurisprudencia sobre la no facultad de declararse incompetente \u00a0 o decretar nulidades por falta de competencia con base en el Decreto 1382\/00 \u00a0 \u00a0 A partir del Auto 124 de 2009, la Corte ha sido consistente en se\u00f1alar que las \u00a0 disposiciones del Decreto Reglamentario 1382 de 2000 no definen la competencia \u00a0 de los jueces de tutela, sino que contienen simples reglas de reparto. Se ha \u00a0 reconocido que en la medida que estas ...<br \/><div class=\"pt-cv-rmwrap\"><a href=\"https:\/\/www.dmsjuridica.com\/buscador_20179478954\/corteconstitucionalcronologico202454587\/t-661-13\/\" class=\"_self pt-cv-readmore btn btn-success\" target=\"_self\">Ver Sentencia Completa...<\/a><\/div><\/div><\/div><\/div>\n<div class=\"col-md-12 col-sm-12 col-xs-12 pt-cv-content-item pt-cv-1-col\" ><div class='pt-cv-ifield'><a href=\"https:\/\/www.dmsjuridica.com\/buscador_20179478954\/corteconstitucionalcronologico202454587\/t-660-13\/\" class=\"_self pt-cv-href-thumbnail pt-cv-thumb-default\" target=\"_self\" ><\/a>\n<div class=\"pt-cv-taxoterm above_title\"><a href='https:\/\/www.dmsjuridica.com\/buscador_20179478954\/corteconstitucionalcronologico202454587\/category\/buscar-en-toda-la-corte\/2013\/tutelas-2013\/' title='Tutelas 2013' class='pt-cv-tax-tutelas-2013'>Tutelas 2013<\/a><\/div>\n<h4 class=\"pt-cv-title\"><a href=\"https:\/\/www.dmsjuridica.com\/buscador_20179478954\/corteconstitucionalcronologico202454587\/t-660-13\/\" class=\"_self\" target=\"_self\" >T-660-13<\/a><\/h4>\n<div class=\"pt-cv-content\">\u00a0 \u00a0 \u00a0 \u00a0 \u00a0 \u00a0T-660-13 \u00a0 \u00a0 \u00a0 \u00a0 \u00a0 \u00a0\u00a0 Sentencia T-660\/13 \u00a0 \u00a0\u00a0 DERECHO A LA EDUCACION DE NI\u00d1OS, NI\u00d1AS Y ADOLESCENTES-Permanencia en el sistema educativo como \u00a0 parte de su n\u00facleo esencial y la connotaci\u00f3n de ser un derecho-deber que impone \u00a0 cargas m\u00ednimas \u00a0 \u00a0 La jurisprudencia \u00a0 constitucional de vieja data ha reconocido el car\u00e1cter fundamental del derecho a \u00a0 la educaci\u00f3n de los ni\u00f1os, las ni\u00f1as y los adolescentes, el cual ha identificado \u00a0 que goza de cuatro componentes estructurales en su n\u00facleo esencial, siendo dos \u00a0 de ellos la accesibilidad y la ...<br \/><div class=\"pt-cv-rmwrap\"><a href=\"https:\/\/www.dmsjuridica.com\/buscador_20179478954\/corteconstitucionalcronologico202454587\/t-660-13\/\" class=\"_self pt-cv-readmore btn btn-success\" target=\"_self\">Ver Sentencia Completa...<\/a><\/div><\/div><\/div><\/div>\n<div class=\"col-md-12 col-sm-12 col-xs-12 pt-cv-content-item pt-cv-1-col\" ><div class='pt-cv-ifield'><a href=\"https:\/\/www.dmsjuridica.com\/buscador_20179478954\/corteconstitucionalcronologico202454587\/t-659-13\/\" class=\"_self pt-cv-href-thumbnail pt-cv-thumb-default\" target=\"_self\" ><\/a>\n<div class=\"pt-cv-taxoterm above_title\"><a href='https:\/\/www.dmsjuridica.com\/buscador_20179478954\/corteconstitucionalcronologico202454587\/category\/buscar-en-toda-la-corte\/2013\/tutelas-2013\/' title='Tutelas 2013' class='pt-cv-tax-tutelas-2013'>Tutelas 2013<\/a><\/div>\n<h4 class=\"pt-cv-title\"><a href=\"https:\/\/www.dmsjuridica.com\/buscador_20179478954\/corteconstitucionalcronologico202454587\/t-659-13\/\" class=\"_self\" target=\"_self\" >T-659-13<\/a><\/h4>\n<div class=\"pt-cv-content\">\u00a0 \u00a0 \u00a0 \u00a0 \u00a0 \u00a0T-659-13 \u00a0 \u00a0 \u00a0 \u00a0 \u00a0 \u00a0\u00a0 Sentencia T-659\/13 \u00a0 \u00a0 DIVERSIDAD ETNICA Y CULTURAL-Protecci\u00f3n \u00a0 constitucional\/DIVERSIDAD ETNICA Y CULTURAL EN LA CONSTITUCION DE 1991-Reiteraci\u00f3n \u00a0 de jurisprudencia \u00a0 \u00a0 Con el cambio que se origin\u00f3 a ra\u00edz de la Carta \u00a0 de 1991, se le dio un estatus constitucional a los grupos minoritarios, como el \u00a0 de las comunidades ind\u00edgenas, se cambi\u00f3 el modelo que pretend\u00eda y buscaba la \u00a0 asimilaci\u00f3n e integraci\u00f3n de estos grupos por otro paradigma en el que se \u00a0 reconoce y garantiza el pluralismo, la multiculturalidad y la participaci\u00f3n ...<br \/><div class=\"pt-cv-rmwrap\"><a href=\"https:\/\/www.dmsjuridica.com\/buscador_20179478954\/corteconstitucionalcronologico202454587\/t-659-13\/\" class=\"_self pt-cv-readmore btn btn-success\" target=\"_self\">Ver Sentencia Completa...<\/a><\/div><\/div><\/div><\/div>\n<div class=\"col-md-12 col-sm-12 col-xs-12 pt-cv-content-item pt-cv-1-col\" ><div class='pt-cv-ifield'><a href=\"https:\/\/www.dmsjuridica.com\/buscador_20179478954\/corteconstitucionalcronologico202454587\/t-658-13\/\" class=\"_self pt-cv-href-thumbnail pt-cv-thumb-default\" target=\"_self\" ><\/a>\n<div class=\"pt-cv-taxoterm above_title\"><a href='https:\/\/www.dmsjuridica.com\/buscador_20179478954\/corteconstitucionalcronologico202454587\/category\/buscar-en-toda-la-corte\/2013\/tutelas-2013\/' title='Tutelas 2013' class='pt-cv-tax-tutelas-2013'>Tutelas 2013<\/a><\/div>\n<h4 class=\"pt-cv-title\"><a href=\"https:\/\/www.dmsjuridica.com\/buscador_20179478954\/corteconstitucionalcronologico202454587\/t-658-13\/\" class=\"_self\" target=\"_self\" >T-658-13<\/a><\/h4>\n<div class=\"pt-cv-content\">\u00a0 \u00a0 \u00a0 \u00a0 \u00a0 \u00a0T-658-13 \u00a0 \u00a0 \u00a0 \u00a0 \u00a0 \u00a0\u00a0 Sentencia T-658\/13 \u00a0 \u00a0 IGLESIAS Y CONFESIONES \u00a0 RELIGIOSAS-Autonom\u00eda para regir sus asuntos internos como garant\u00eda de la \u00a0 libertad religiosa y de cultos y del derecho de asociaci\u00f3n \u00a0 \u00a0 DERECHO A LA IGUALDAD DE \u00a0 CONFESIONES RELIGIOSAS E IGLESIAS \u00a0 \u00a0 El orden constitucional que se inaugura tras la \u00a0 Constituci\u00f3n de 1991 afirma el car\u00e1cter laico del Estado y, por consiguiente, su \u00a0 separaci\u00f3n respecto de las Iglesias.\u00a0 Asimismo, reconoce el derecho \u00a0 fundamental a la libertad de cultos y establece que \u201ctodas las confesiones ...<br \/><div class=\"pt-cv-rmwrap\"><a href=\"https:\/\/www.dmsjuridica.com\/buscador_20179478954\/corteconstitucionalcronologico202454587\/t-658-13\/\" class=\"_self pt-cv-readmore btn btn-success\" target=\"_self\">Ver Sentencia Completa...<\/a><\/div><\/div><\/div><\/div>\n<div class=\"col-md-12 col-sm-12 col-xs-12 pt-cv-content-item pt-cv-1-col\" ><div class='pt-cv-ifield'><a href=\"https:\/\/www.dmsjuridica.com\/buscador_20179478954\/corteconstitucionalcronologico202454587\/t-657-13\/\" class=\"_self pt-cv-href-thumbnail pt-cv-thumb-default\" target=\"_self\" ><\/a>\n<div class=\"pt-cv-taxoterm above_title\"><a href='https:\/\/www.dmsjuridica.com\/buscador_20179478954\/corteconstitucionalcronologico202454587\/category\/buscar-en-toda-la-corte\/2013\/tutelas-2013\/' title='Tutelas 2013' class='pt-cv-tax-tutelas-2013'>Tutelas 2013<\/a><\/div>\n<h4 class=\"pt-cv-title\"><a href=\"https:\/\/www.dmsjuridica.com\/buscador_20179478954\/corteconstitucionalcronologico202454587\/t-657-13\/\" class=\"_self\" target=\"_self\" >T-657-13<\/a><\/h4>\n<div class=\"pt-cv-content\">\u00a0 \u00a0 \u00a0 \u00a0 \u00a0 \u00a0T-657-13 \u00a0 \u00a0 \u00a0 \u00a0 \u00a0 \u00a0\u00a0 Sentencia T-657\/13 \u00a0 \u00a0 CARENCIA ACTUAL DE OBJETO-An\u00e1lisis jurisprudencial sobre hecho \u00a0 superado y da\u00f1o consumado \u00a0 \u00a0 DERECHO A LA CONSULTA PREVIA DE COMUNIDADES AFROCOLOMBIANAS-No se \u00a0 considera da\u00f1o consumado por cuanto no se ha empezado la construcci\u00f3n de \u00a0 carretera y omisi\u00f3n de consulta permanece en el tiempo \u00a0 \u00a0 DERECHOS DE COMUNIDAD INDIGENA Y PRINCIPIO DE INMEDIATEZ-Vulneraci\u00f3n \u00a0 del derecho a la consulta previa permanece en el tiempo \u00a0 \u00a0 En el presente caso no se puede considerar que el Consejo Comunitario de Mulal\u00f3 \u00a0 ...<br \/><div class=\"pt-cv-rmwrap\"><a href=\"https:\/\/www.dmsjuridica.com\/buscador_20179478954\/corteconstitucionalcronologico202454587\/t-657-13\/\" class=\"_self pt-cv-readmore btn btn-success\" target=\"_self\">Ver Sentencia Completa...<\/a><\/div><\/div><\/div><\/div>\n<div class=\"col-md-12 col-sm-12 col-xs-12 pt-cv-content-item pt-cv-1-col\" ><div class='pt-cv-ifield'><a href=\"https:\/\/www.dmsjuridica.com\/buscador_20179478954\/corteconstitucionalcronologico202454587\/t-656-13\/\" class=\"_self pt-cv-href-thumbnail pt-cv-thumb-default\" target=\"_self\" ><\/a>\n<div class=\"pt-cv-taxoterm above_title\"><a href='https:\/\/www.dmsjuridica.com\/buscador_20179478954\/corteconstitucionalcronologico202454587\/category\/buscar-en-toda-la-corte\/2013\/tutelas-2013\/' title='Tutelas 2013' class='pt-cv-tax-tutelas-2013'>Tutelas 2013<\/a><\/div>\n<h4 class=\"pt-cv-title\"><a href=\"https:\/\/www.dmsjuridica.com\/buscador_20179478954\/corteconstitucionalcronologico202454587\/t-656-13\/\" class=\"_self\" target=\"_self\" >T-656-13<\/a><\/h4>\n<div class=\"pt-cv-content\">\u00a0 \u00a0 \u00a0 \u00a0 \u00a0 \u00a0T-656-13 \u00a0 \u00a0 \u00a0 \u00a0 \u00a0 \u00a0\u00a0 Sentencia T-656\/13 \u00a0 \u00a0 TRANSPORTE Y ALOJAMIENTO EN EL SISTEMA DE SALUD Y SU NEXO CON EL \u00a0 PRINCIPIO DE INTEGRALIDAD-Subreglas \u00a0 jurisprudenciales \u00a0 \u00a0 GARANTIA DE ACCESIBILIDAD ECONOMICA EN SALUD-Contenido \u00a0 \u00a0 Esta Corporaci\u00f3n integr\u00f3 al desarrollo constitucional del derecho \u00a0 fundamental a la salud el elemento de accesibilidad econ\u00f3mica, y por tratarse de \u00a0 criterios normativos sobre las condiciones m\u00ednimas en que los usuarios deben \u00a0 acceder al Sistema de Salud, la Corte lo ha aplicado \u2013as\u00ed como los dem\u00e1s \u00a0 criterios del mismo g\u00e9nero- en ...<br \/><div class=\"pt-cv-rmwrap\"><a href=\"https:\/\/www.dmsjuridica.com\/buscador_20179478954\/corteconstitucionalcronologico202454587\/t-656-13\/\" class=\"_self pt-cv-readmore btn btn-success\" target=\"_self\">Ver Sentencia Completa...<\/a><\/div><\/div><\/div><\/div>\n<div class=\"col-md-12 col-sm-12 col-xs-12 pt-cv-content-item pt-cv-1-col\" ><div class='pt-cv-ifield'><a href=\"https:\/\/www.dmsjuridica.com\/buscador_20179478954\/corteconstitucionalcronologico202454587\/t-655-13\/\" class=\"_self pt-cv-href-thumbnail pt-cv-thumb-default\" target=\"_self\" ><\/a>\n<div class=\"pt-cv-taxoterm above_title\"><a href='https:\/\/www.dmsjuridica.com\/buscador_20179478954\/corteconstitucionalcronologico202454587\/category\/buscar-en-toda-la-corte\/2013\/tutelas-2013\/' title='Tutelas 2013' class='pt-cv-tax-tutelas-2013'>Tutelas 2013<\/a><\/div>\n<h4 class=\"pt-cv-title\"><a href=\"https:\/\/www.dmsjuridica.com\/buscador_20179478954\/corteconstitucionalcronologico202454587\/t-655-13\/\" class=\"_self\" target=\"_self\" >T-655-13<\/a><\/h4>\n<div class=\"pt-cv-content\">\u00a0 \u00a0 \u00a0 \u00a0 \u00a0 \u00a0T-655-13 \u00a0 \u00a0 \u00a0 \u00a0 \u00a0 \u00a0\u00a0 Sentencia T-655\/13 \u00a0 \u00a0 ACCION DE TUTELA PARA EL RECONOCIMIENTO DE INDEMNIZACION \u00a0 SUSTITUTIVA DE PENSION DE VEJEZ-Procedencia cuando afecta m\u00ednimo vital y dem\u00e1s derechos de personas de la tercera edad \u00a0 \u00a0 DERECHO A LA INDEMNIZACION SUSTITUTIVA DE LA PENSION DE VEJEZ-Se deben tener en cuenta las semanas \u00a0 cotizadas con anterioridad a la entrada en vigencia de la ley 100 de 1993 \u00a0 \u00a0 DERECHO A LA INDEMNIZACION SUSTITUTIVA DE LA PENSION DE VEJEZ Y DE \u00a0 SOBREVIVIENTES-En los t\u00e9rminos de la ley 100\/93 \u00a0 \u00a0 ...<br \/><div class=\"pt-cv-rmwrap\"><a href=\"https:\/\/www.dmsjuridica.com\/buscador_20179478954\/corteconstitucionalcronologico202454587\/t-655-13\/\" class=\"_self pt-cv-readmore btn btn-success\" target=\"_self\">Ver Sentencia Completa...<\/a><\/div><\/div><\/div><\/div>\n<div class=\"col-md-12 col-sm-12 col-xs-12 pt-cv-content-item pt-cv-1-col\" ><div class='pt-cv-ifield'><a href=\"https:\/\/www.dmsjuridica.com\/buscador_20179478954\/corteconstitucionalcronologico202454587\/t-653-13\/\" class=\"_self pt-cv-href-thumbnail pt-cv-thumb-default\" target=\"_self\" ><\/a>\n<div class=\"pt-cv-taxoterm above_title\"><a href='https:\/\/www.dmsjuridica.com\/buscador_20179478954\/corteconstitucionalcronologico202454587\/category\/buscar-en-toda-la-corte\/2013\/tutelas-2013\/' title='Tutelas 2013' class='pt-cv-tax-tutelas-2013'>Tutelas 2013<\/a><\/div>\n<h4 class=\"pt-cv-title\"><a href=\"https:\/\/www.dmsjuridica.com\/buscador_20179478954\/corteconstitucionalcronologico202454587\/t-653-13\/\" class=\"_self\" target=\"_self\" >T-653-13<\/a><\/h4>\n<div class=\"pt-cv-content\">\u00a0 \u00a0 \u00a0 \u00a0 \u00a0 \u00a0T-653-13 \u00a0 \u00a0 \u00a0 \u00a0 \u00a0 \u00a0\u00a0 Sentencia \u00a0 T-653\/13 \u00a0 \u00a0 JURISPRUDENCIA CONSTITUCIONAL SOBRE LA \u00a0 CARENCIA ACTUAL DE OBJETO-Hecho superado y da\u00f1o consumado \u00a0 \u00a0 La carencia actual de objeto tiene lugar, en la medida \u00a0 en que la finalidad de la acci\u00f3n de tutela es garantizar la protecci\u00f3n del \u00a0 derecho fundamental de quien invoca el amparo. La carencia actual de objeto por \u00a0 hecho superado se configura cuando entre el momento de la interposici\u00f3n de la \u00a0 acci\u00f3n de tutela y el momento del fallo se satisface por completo la pretensi\u00f3n ...<br \/><div class=\"pt-cv-rmwrap\"><a href=\"https:\/\/www.dmsjuridica.com\/buscador_20179478954\/corteconstitucionalcronologico202454587\/t-653-13\/\" class=\"_self pt-cv-readmore btn btn-success\" target=\"_self\">Ver Sentencia Completa...<\/a><\/div><\/div><\/div><\/div>\n<div class=\"col-md-12 col-sm-12 col-xs-12 pt-cv-content-item pt-cv-1-col\" ><div class='pt-cv-ifield'><a href=\"https:\/\/www.dmsjuridica.com\/buscador_20179478954\/corteconstitucionalcronologico202454587\/t-652-13\/\" class=\"_self pt-cv-href-thumbnail pt-cv-thumb-default\" target=\"_self\" ><\/a>\n<div class=\"pt-cv-taxoterm above_title\"><a href='https:\/\/www.dmsjuridica.com\/buscador_20179478954\/corteconstitucionalcronologico202454587\/category\/buscar-en-toda-la-corte\/2013\/tutelas-2013\/' title='Tutelas 2013' class='pt-cv-tax-tutelas-2013'>Tutelas 2013<\/a><\/div>\n<h4 class=\"pt-cv-title\"><a href=\"https:\/\/www.dmsjuridica.com\/buscador_20179478954\/corteconstitucionalcronologico202454587\/t-652-13\/\" class=\"_self\" target=\"_self\" >T-652-13<\/a><\/h4>\n<div class=\"pt-cv-content\">\u00a0 \u00a0 \u00a0 \u00a0 \u00a0 \u00a0T-652-13 \u00a0 \u00a0 \u00a0 \u00a0 \u00a0 \u00a0\u00a0 Sentencia T-652\/13 \u00a0 \u00a0 DERECHO FUNDAMENTAL AL AGUA POTABLE-Naturaleza \u00a0 \u00a0 DERECHO FUNDAMENTAL AL AGUA-Obligaciones \u00a0 del Estado para garantizar disponibilidad, accesibilidad y calidad del servicio \u00a0 de agua\/DERECHO AL CONSUMO DE AGUA POTABLE-L\u00ednea jurisprudencial sobre el \u00a0 rango de fundamental \u00a0 \u00a0 El derecho al agua apta para el \u00a0 consumo humano es un derecho de naturaleza fundamental en el ordenamiento \u00a0 jur\u00eddico colombiano, uno de cuyos contenidos esenciales se manifiesta en la \u00a0 necesidad de asegurar la calidad del agua que se utiliza para el consumo ...<br \/><div class=\"pt-cv-rmwrap\"><a href=\"https:\/\/www.dmsjuridica.com\/buscador_20179478954\/corteconstitucionalcronologico202454587\/t-652-13\/\" class=\"_self pt-cv-readmore btn btn-success\" target=\"_self\">Ver Sentencia Completa...<\/a><\/div><\/div><\/div><\/div>\n<div class=\"col-md-12 col-sm-12 col-xs-12 pt-cv-content-item pt-cv-1-col\" ><div class='pt-cv-ifield'><a href=\"https:\/\/www.dmsjuridica.com\/buscador_20179478954\/corteconstitucionalcronologico202454587\/t-651-13\/\" class=\"_self pt-cv-href-thumbnail pt-cv-thumb-default\" target=\"_self\" ><\/a>\n<div class=\"pt-cv-taxoterm above_title\"><a href='https:\/\/www.dmsjuridica.com\/buscador_20179478954\/corteconstitucionalcronologico202454587\/category\/buscar-en-toda-la-corte\/2013\/tutelas-2013\/' title='Tutelas 2013' class='pt-cv-tax-tutelas-2013'>Tutelas 2013<\/a><\/div>\n<h4 class=\"pt-cv-title\"><a href=\"https:\/\/www.dmsjuridica.com\/buscador_20179478954\/corteconstitucionalcronologico202454587\/t-651-13\/\" class=\"_self\" target=\"_self\" >T-651-13<\/a><\/h4>\n<div class=\"pt-cv-content\">\u00a0 \u00a0 \u00a0 \u00a0 \u00a0 \u00a0T-651-13 \u00a0 \u00a0 \u00a0 \u00a0 \u00a0 \u00a0\u00a0 Sentencia T-651\/13 \u00a0 \u00a0 ACCION DE TUTELA \u00a0 CONTRA PROVIDENCIAS JUDICIALES-Requisitos generales y \u00a0 especiales de procedibilidad \u00a0 \u00a0 ACCION DE TUTELA \u00a0 CONTRA PROVIDENCIAS JUDICIALES-L\u00ednea jurisprudencial \u00a0 sobre causales gen\u00e9ricas y espec\u00edficas de procedibilidad \u00a0 \u00a0 ACCION DE TUTELA \u00a0 CONTRA PROVIDENCIAS JUDICIALES-Evoluci\u00f3n \u00a0 jurisprudencial respecto al reemplazo de la expresi\u00f3n \"v\u00eda de hecho\" por la de \u00a0 \"causales gen\u00e9ricas de procedibilidad\" \u00a0 \u00a0 DEFECTO MATERIAL O \u00a0 SUSTANTIVO-Configuraci\u00f3n \u00a0 \u00a0 La \u00a0 estructuraci\u00f3n de un defecto sustantivo o material, como causal especial de \u00a0 procedibilidad de ...<br \/><div class=\"pt-cv-rmwrap\"><a href=\"https:\/\/www.dmsjuridica.com\/buscador_20179478954\/corteconstitucionalcronologico202454587\/t-651-13\/\" class=\"_self pt-cv-readmore btn btn-success\" target=\"_self\">Ver Sentencia Completa...<\/a><\/div><\/div><\/div><\/div>\n<div class=\"col-md-12 col-sm-12 col-xs-12 pt-cv-content-item pt-cv-1-col\" ><div class='pt-cv-ifield'><a href=\"https:\/\/www.dmsjuridica.com\/buscador_20179478954\/corteconstitucionalcronologico202454587\/t-650-13\/\" class=\"_self pt-cv-href-thumbnail pt-cv-thumb-default\" target=\"_self\" ><\/a>\n<div class=\"pt-cv-taxoterm above_title\"><a href='https:\/\/www.dmsjuridica.com\/buscador_20179478954\/corteconstitucionalcronologico202454587\/category\/buscar-en-toda-la-corte\/2013\/tutelas-2013\/' title='Tutelas 2013' class='pt-cv-tax-tutelas-2013'>Tutelas 2013<\/a><\/div>\n<h4 class=\"pt-cv-title\"><a href=\"https:\/\/www.dmsjuridica.com\/buscador_20179478954\/corteconstitucionalcronologico202454587\/t-650-13\/\" class=\"_self\" target=\"_self\" >T-650-13<\/a><\/h4>\n<div class=\"pt-cv-content\">\u00a0 \u00a0 \u00a0 \u00a0 \u00a0 \u00a0T-650-13 \u00a0 \u00a0 \u00a0 \u00a0 \u00a0 \u00a0\u00a0 Sentencia T-650\/13 \u00a0 \u00a0 DERECHO FUNDAMENTAL A LA SALUD-Suministro de medicamentos, tratamientos y procedimientos \u00a0 excluidos del POS \u00a0 \u00a0 La Corte Constitucional ha reconocido el car\u00e1cter fundamental aut\u00f3nomo del derecho a la salud, \u00a0 superando la noci\u00f3n inicial adoptada por esta Corporaci\u00f3n seg\u00fan la cual el \u00a0 derecho a la salud adquir\u00eda esta connotaci\u00f3n, en conexidad con los derechos a la \u00a0 vida, a la integridad personal y a la dignidad humana o cuando el sujeto que \u00a0 requer\u00eda su garant\u00eda era de aquellos que merecen una ...<br \/><div class=\"pt-cv-rmwrap\"><a href=\"https:\/\/www.dmsjuridica.com\/buscador_20179478954\/corteconstitucionalcronologico202454587\/t-650-13\/\" class=\"_self pt-cv-readmore btn btn-success\" target=\"_self\">Ver Sentencia Completa...<\/a><\/div><\/div><\/div><\/div>\n<div class=\"col-md-12 col-sm-12 col-xs-12 pt-cv-content-item pt-cv-1-col\" ><div class='pt-cv-ifield'><a href=\"https:\/\/www.dmsjuridica.com\/buscador_20179478954\/corteconstitucionalcronologico202454587\/t-649-13\/\" class=\"_self pt-cv-href-thumbnail pt-cv-thumb-default\" target=\"_self\" ><\/a>\n<div class=\"pt-cv-taxoterm above_title\"><a href='https:\/\/www.dmsjuridica.com\/buscador_20179478954\/corteconstitucionalcronologico202454587\/category\/buscar-en-toda-la-corte\/2013\/tutelas-2013\/' title='Tutelas 2013' class='pt-cv-tax-tutelas-2013'>Tutelas 2013<\/a><\/div>\n<h4 class=\"pt-cv-title\"><a href=\"https:\/\/www.dmsjuridica.com\/buscador_20179478954\/corteconstitucionalcronologico202454587\/t-649-13\/\" class=\"_self\" target=\"_self\" >T-649-13<\/a><\/h4>\n<div class=\"pt-cv-content\">\u00a0 \u00a0 \u00a0 \u00a0 \u00a0 \u00a0T-649-13 \u00a0 \u00a0 \u00a0 \u00a0 \u00a0 \u00a0\u00a0 Sentencia T-649\/13 \u00a0 \u00a0 (Bogot\u00e1 D. \u00a0 C., septiembre 17) \u00a0 \u00a0 SUBORDINACION E INDEFENSION-Concepto \u00a0 \u00a0 DERECHO AL PAGO OPORTUNO DEL SALARIO-Fundamental \u00a0 por afectaci\u00f3n del m\u00ednimo vital \u00a0 \u00a0 DERECHO AL PAGO OPORTUNO DEL SALARIO-Hip\u00f3tesis f\u00e1cticas m\u00ednimas de \u00a0 vulneraci\u00f3n\/DERECHO \u00a0 AL MINIMO VITAL DEL TRABAJADOR-Hip\u00f3tesis f\u00e1cticas m\u00ednimas de vulneraci\u00f3n \u00a0 por no pago de salarios \u00a0 \u00a0 SALARIO-Situaci\u00f3n econ\u00f3mica o presupuestal de \u00a0 entidad no es \u00f3bice para desconocer pago oportuno \u00a0 \u00a0 EFECTOS INTER COMUNIS-Se adoptan para proteger \u00a0 derechos de todos los afectados ...<br \/><div class=\"pt-cv-rmwrap\"><a href=\"https:\/\/www.dmsjuridica.com\/buscador_20179478954\/corteconstitucionalcronologico202454587\/t-649-13\/\" class=\"_self pt-cv-readmore btn btn-success\" target=\"_self\">Ver Sentencia Completa...<\/a><\/div><\/div><\/div><\/div>\n<div class=\"col-md-12 col-sm-12 col-xs-12 pt-cv-content-item pt-cv-1-col\" ><div class='pt-cv-ifield'><a href=\"https:\/\/www.dmsjuridica.com\/buscador_20179478954\/corteconstitucionalcronologico202454587\/t-648-13\/\" class=\"_self pt-cv-href-thumbnail pt-cv-thumb-default\" target=\"_self\" ><\/a>\n<div class=\"pt-cv-taxoterm above_title\"><a href='https:\/\/www.dmsjuridica.com\/buscador_20179478954\/corteconstitucionalcronologico202454587\/category\/buscar-en-toda-la-corte\/2013\/tutelas-2013\/' title='Tutelas 2013' class='pt-cv-tax-tutelas-2013'>Tutelas 2013<\/a><\/div>\n<h4 class=\"pt-cv-title\"><a href=\"https:\/\/www.dmsjuridica.com\/buscador_20179478954\/corteconstitucionalcronologico202454587\/t-648-13\/\" class=\"_self\" target=\"_self\" >T-648-13<\/a><\/h4>\n<div class=\"pt-cv-content\">\u00a0 \u00a0 \u00a0 \u00a0 \u00a0 \u00a0T-648-13 \u00a0 \u00a0 \u00a0 \u00a0 \u00a0 \u00a0\u00a0 Sentencia T-648\/13 \u00a0 \u00a0 (Bogot\u00e1, D.C., \u00a0 Septiembre 17) \u00a0 \u00a0 PODER PARA INTERPONER ACCION DE TUTELA-Requisitos\/APODERAMIENTO \u00a0 JUDICIAL EN TUTELA-Requisitos \u00a0 \u00a0 La acci\u00f3n de tutela tiene como prop\u00f3sito proteger de forma \u00a0 preponderante y expedita los derechos fundamentales de los colombianos, sin \u00a0 embargo, cuando esta acci\u00f3n es interpuesta a trav\u00e9s de apoderado judicial es \u00a0 necesario que se cumpla con ciertos requisitos para que exista legitimaci\u00f3n en \u00a0 la causa por activa. En primer lugar, el poder es un acto formal que se debe \u00a0 ...<br \/><div class=\"pt-cv-rmwrap\"><a href=\"https:\/\/www.dmsjuridica.com\/buscador_20179478954\/corteconstitucionalcronologico202454587\/t-648-13\/\" class=\"_self pt-cv-readmore btn btn-success\" target=\"_self\">Ver Sentencia Completa...<\/a><\/div><\/div><\/div><\/div>\n<div class=\"col-md-12 col-sm-12 col-xs-12 pt-cv-content-item pt-cv-1-col\" ><div class='pt-cv-ifield'><a href=\"https:\/\/www.dmsjuridica.com\/buscador_20179478954\/corteconstitucionalcronologico202454587\/t-647-13\/\" class=\"_self pt-cv-href-thumbnail pt-cv-thumb-default\" target=\"_self\" ><\/a>\n<div class=\"pt-cv-taxoterm above_title\"><a href='https:\/\/www.dmsjuridica.com\/buscador_20179478954\/corteconstitucionalcronologico202454587\/category\/buscar-en-toda-la-corte\/2013\/tutelas-2013\/' title='Tutelas 2013' class='pt-cv-tax-tutelas-2013'>Tutelas 2013<\/a><\/div>\n<h4 class=\"pt-cv-title\"><a href=\"https:\/\/www.dmsjuridica.com\/buscador_20179478954\/corteconstitucionalcronologico202454587\/t-647-13\/\" class=\"_self\" target=\"_self\" >T-647-13<\/a><\/h4>\n<div class=\"pt-cv-content\">\u00a0 \u00a0 \u00a0 \u00a0 \u00a0 \u00a0T-647-13 \u00a0 \u00a0 \u00a0 \u00a0 \u00a0 \u00a0\u00a0 Sentencia T-647\/13 \u00a0 \u00a0\u00a0 DEBIDO PROCESO PENAL-Relevancia \u00a0 frente a la protecci\u00f3n del derecho a la defensa \u00a0 \u00a0 Las garant\u00edas que integran el debido proceso, y entre \u00a0 ellas el derecho de defensa, son de estricto cumplimiento en todo tipo de \u00a0 actuaciones, ya sean judiciales o administrativas, pues constituyen un \u00a0 presupuesto para la realizaci\u00f3n de la justicia como valor superior del \u00a0 ordenamiento jur\u00eddico. Ello es as\u00ed por cuanto la concepci\u00f3n del proceso como un \u00a0 mecanismo para la realizaci\u00f3n de la justicia, impide que ...<br \/><div class=\"pt-cv-rmwrap\"><a href=\"https:\/\/www.dmsjuridica.com\/buscador_20179478954\/corteconstitucionalcronologico202454587\/t-647-13\/\" class=\"_self pt-cv-readmore btn btn-success\" target=\"_self\">Ver Sentencia Completa...<\/a><\/div><\/div><\/div><\/div>\n<div class=\"col-md-12 col-sm-12 col-xs-12 pt-cv-content-item pt-cv-1-col\" ><div class='pt-cv-ifield'><a href=\"https:\/\/www.dmsjuridica.com\/buscador_20179478954\/corteconstitucionalcronologico202454587\/t-646-13\/\" class=\"_self pt-cv-href-thumbnail pt-cv-thumb-default\" target=\"_self\" ><\/a>\n<div class=\"pt-cv-taxoterm above_title\"><a href='https:\/\/www.dmsjuridica.com\/buscador_20179478954\/corteconstitucionalcronologico202454587\/category\/buscar-en-toda-la-corte\/2013\/tutelas-2013\/' title='Tutelas 2013' class='pt-cv-tax-tutelas-2013'>Tutelas 2013<\/a><\/div>\n<h4 class=\"pt-cv-title\"><a href=\"https:\/\/www.dmsjuridica.com\/buscador_20179478954\/corteconstitucionalcronologico202454587\/t-646-13\/\" class=\"_self\" target=\"_self\" >T-646-13<\/a><\/h4>\n<div class=\"pt-cv-content\">\u00a0 \u00a0 \u00a0 \u00a0 \u00a0 \u00a0T-646-13 \u00a0 \u00a0 \u00a0 \u00a0 \u00a0 \u00a0\u00a0 Sentencia T-646\/13 \u00a0 \u00a0 ACCION DE TUTELA PARA SOLICITAR CALIFICACION DE \u00a0 INVALIDEZ-Procedencia excepcional por \u00a0 estado de indefensi\u00f3n o debilidad manifiesta aun cuando exista otro medio de \u00a0 defensa judicial \u00a0 \u00a0 La Sala observa que, en principio, el accionante dispone de las acciones \u00a0 ordinarias laborales para controvertir la decisi\u00f3n de la EPS SaludCoop de \u00a0 negarse a calificar su p\u00e9rdida de capacidad laboral argumentando la suspensi\u00f3n \u00a0 de su afiliaci\u00f3n. Sin embargo, analizado en concreto, dicho mecanismo de defensa \u00a0 judicial no resulta lo suficientemente ...<br \/><div class=\"pt-cv-rmwrap\"><a href=\"https:\/\/www.dmsjuridica.com\/buscador_20179478954\/corteconstitucionalcronologico202454587\/t-646-13\/\" class=\"_self pt-cv-readmore btn btn-success\" target=\"_self\">Ver Sentencia Completa...<\/a><\/div><\/div><\/div><\/div>\n<div class=\"col-md-12 col-sm-12 col-xs-12 pt-cv-content-item pt-cv-1-col\" ><div class='pt-cv-ifield'><a href=\"https:\/\/www.dmsjuridica.com\/buscador_20179478954\/corteconstitucionalcronologico202454587\/t-645-13\/\" class=\"_self pt-cv-href-thumbnail pt-cv-thumb-default\" target=\"_self\" ><\/a>\n<div class=\"pt-cv-taxoterm above_title\"><a href='https:\/\/www.dmsjuridica.com\/buscador_20179478954\/corteconstitucionalcronologico202454587\/category\/buscar-en-toda-la-corte\/2013\/tutelas-2013\/' title='Tutelas 2013' class='pt-cv-tax-tutelas-2013'>Tutelas 2013<\/a><\/div>\n<h4 class=\"pt-cv-title\"><a href=\"https:\/\/www.dmsjuridica.com\/buscador_20179478954\/corteconstitucionalcronologico202454587\/t-645-13\/\" class=\"_self\" target=\"_self\" >T-645-13<\/a><\/h4>\n<div class=\"pt-cv-content\">\u00a0 \u00a0 \u00a0 \u00a0 \u00a0 \u00a0T-645-13 \u00a0 \u00a0 \u00a0 \u00a0 \u00a0 \u00a0\u00a0 Sentencia T-645\/13 \u00a0 \u00a0 ACCION DE TUTELA CONTRA PARTICULARES CUANDO EXISTE UNA RELACION DE INDEFENSION O \u00a0 SUBORDINACION-Jurisprudencia \u00a0 constitucional sobre procedencia excepcional \u00a0 \u00a0 La acci\u00f3n de tutela constituye un mecanismo excepcional, id\u00f3neo para enfrentar \u00a0 las amenazas de particulares contra una persona que por sus condiciones o \u00a0 limitaciones se encuentra despose\u00edda de los recursos f\u00edsicos o jur\u00eddicos \u00a0 eficaces para proteger y mantener sus derechos fundamentales, ante una situaci\u00f3n \u00a0 vulneradora inadmisible e insostenible. \u00a0 \u00a0 DERECHO FUNDAMENTAL A LA SEGURIDAD SOCIAL Y PROTECCION POR ...<br \/><div class=\"pt-cv-rmwrap\"><a href=\"https:\/\/www.dmsjuridica.com\/buscador_20179478954\/corteconstitucionalcronologico202454587\/t-645-13\/\" class=\"_self pt-cv-readmore btn btn-success\" target=\"_self\">Ver Sentencia Completa...<\/a><\/div><\/div><\/div><\/div>\n<div class=\"col-md-12 col-sm-12 col-xs-12 pt-cv-content-item pt-cv-1-col\" ><div class='pt-cv-ifield'><a href=\"https:\/\/www.dmsjuridica.com\/buscador_20179478954\/corteconstitucionalcronologico202454587\/t-644-13\/\" class=\"_self pt-cv-href-thumbnail pt-cv-thumb-default\" target=\"_self\" ><\/a>\n<div class=\"pt-cv-taxoterm above_title\"><a href='https:\/\/www.dmsjuridica.com\/buscador_20179478954\/corteconstitucionalcronologico202454587\/category\/buscar-en-toda-la-corte\/2013\/tutelas-2013\/' title='Tutelas 2013' class='pt-cv-tax-tutelas-2013'>Tutelas 2013<\/a><\/div>\n<h4 class=\"pt-cv-title\"><a href=\"https:\/\/www.dmsjuridica.com\/buscador_20179478954\/corteconstitucionalcronologico202454587\/t-644-13\/\" class=\"_self\" target=\"_self\" >T-644-13<\/a><\/h4>\n<div class=\"pt-cv-content\">\u00a0 \u00a0 \u00a0 \u00a0 \u00a0 \u00a0T-644-13 \u00a0 \u00a0 \u00a0 \u00a0 \u00a0 \u00a0\u00a0 Sentencia T-644\/13 \u00a0 \u00a0 LEGITIMACION EN LA CAUSA POR ACTIVA EN TUTELA DE \u00a0 PERSONA JURIDICA-Reiteraci\u00f3n de \u00a0 jurisprudencia \u00a0 \u00a0 En reiteradas ocasiones y desde sus primeros \u00a0 pronunciamientos, esta corporaci\u00f3n ha adoptado como tesis que las personas \u00a0 jur\u00eddicas son titulares de derechos fundamentales, por ende, est\u00e1n legitimadas \u00a0 por activa para instaurar acciones de tutela, al igual que ocurre en otras \u00a0 latitudes, en procura de la salvaguarda de esas garant\u00edas que requieran para \u00a0 alcanzar sus fines jur\u00eddicamente protegidos. \u00a0 \u00a0 PERSONAS JURIDICAS DE ...<br \/><div class=\"pt-cv-rmwrap\"><a href=\"https:\/\/www.dmsjuridica.com\/buscador_20179478954\/corteconstitucionalcronologico202454587\/t-644-13\/\" class=\"_self pt-cv-readmore btn btn-success\" target=\"_self\">Ver Sentencia Completa...<\/a><\/div><\/div><\/div><\/div>\n<div class=\"col-md-12 col-sm-12 col-xs-12 pt-cv-content-item pt-cv-1-col\" ><div class='pt-cv-ifield'><a href=\"https:\/\/www.dmsjuridica.com\/buscador_20179478954\/corteconstitucionalcronologico202454587\/t-643-13\/\" class=\"_self pt-cv-href-thumbnail pt-cv-thumb-default\" target=\"_self\" ><\/a>\n<div class=\"pt-cv-taxoterm above_title\"><a href='https:\/\/www.dmsjuridica.com\/buscador_20179478954\/corteconstitucionalcronologico202454587\/category\/buscar-en-toda-la-corte\/2013\/tutelas-2013\/' title='Tutelas 2013' class='pt-cv-tax-tutelas-2013'>Tutelas 2013<\/a><\/div>\n<h4 class=\"pt-cv-title\"><a href=\"https:\/\/www.dmsjuridica.com\/buscador_20179478954\/corteconstitucionalcronologico202454587\/t-643-13\/\" class=\"_self\" target=\"_self\" >T-643-13<\/a><\/h4>\n<div class=\"pt-cv-content\">\u00a0 \u00a0 \u00a0 \u00a0 \u00a0 \u00a0T-643-13 \u00a0 \u00a0 \u00a0 \u00a0 \u00a0 \u00a0\u00a0 Sentencia T-643\/13 \u00a0 \u00a0 ACCION DE \u00a0 TUTELA CONTRA PROVIDENCIAS JUDICIALES-Improcedencia por regla general \u00a0 \u00a0 ACCION DE \u00a0 TUTELA CONTRA PROVIDENCIAS JUDICIALES-Requisitos generales y especiales de \u00a0 procedibilidad \u00a0 \u00a0 SUSTITUCION \u00a0 DE EJECUCION DE LA PENA DE PRISION EN CENTRO CARCELARIO POR PRISION \u00a0 DOMICILIARIA-Presupuestos\/SUSTITUCION DE EJECUCION DE LA PENA DE PRISION \u00a0 EN CENTRO CARCELARIO POR PRISION HOSPITALARIA-Requisitos \u00a0 \u00a0 La reclusi\u00f3n en establecimiento \u00a0 carcelario puede sustituirse por domiciliaria cuando, entre otros casos, el \u00a0 imputado, acusado o condenado fuere mayor de 65 a\u00f1os, ...<br \/><div class=\"pt-cv-rmwrap\"><a href=\"https:\/\/www.dmsjuridica.com\/buscador_20179478954\/corteconstitucionalcronologico202454587\/t-643-13\/\" class=\"_self pt-cv-readmore btn btn-success\" target=\"_self\">Ver Sentencia Completa...<\/a><\/div><\/div><\/div><\/div>\n<div class=\"col-md-12 col-sm-12 col-xs-12 pt-cv-content-item pt-cv-1-col\" ><div class='pt-cv-ifield'><a href=\"https:\/\/www.dmsjuridica.com\/buscador_20179478954\/corteconstitucionalcronologico202454587\/t-642-13\/\" class=\"_self pt-cv-href-thumbnail pt-cv-thumb-default\" target=\"_self\" ><\/a>\n<div class=\"pt-cv-taxoterm above_title\"><a href='https:\/\/www.dmsjuridica.com\/buscador_20179478954\/corteconstitucionalcronologico202454587\/category\/buscar-en-toda-la-corte\/2013\/tutelas-2013\/' title='Tutelas 2013' class='pt-cv-tax-tutelas-2013'>Tutelas 2013<\/a><\/div>\n<h4 class=\"pt-cv-title\"><a href=\"https:\/\/www.dmsjuridica.com\/buscador_20179478954\/corteconstitucionalcronologico202454587\/t-642-13\/\" class=\"_self\" target=\"_self\" >T-642-13<\/a><\/h4>\n<div class=\"pt-cv-content\">\u00a0 \u00a0 \u00a0 \u00a0 \u00a0 \u00a0T-642-13 \u00a0 \u00a0 \u00a0 \u00a0 \u00a0 \u00a0\u00a0 Sentencia T-642\/13 \u00a0 \u00a0 (Bogot\u00e1, D.C., \u00a0 septiembre 13) \u00a0 \u00a0 DERECHO FUNDAMENTAL AL DEBIDO \u00a0 PROCESO-Deber de citaci\u00f3n y notificaci\u00f3n en legal forma, dentro de los \u00a0 procesos por violencia intrafamiliar que adelantan las Comisar\u00edas de Familia \u00a0 \u00a0 El debido proceso, es un derecho fundamental, que de \u00a0 conformidad con el art\u00edculo 29 de la Constituci\u00f3n Pol\u00edtica, se aplica a toda \u00a0 clase de actuaciones administrativas y judiciales, dentro de las cuales, la \u00a0 autoridad competente debe velar por la garant\u00eda de los derechos del sujeto ...<br \/><div class=\"pt-cv-rmwrap\"><a href=\"https:\/\/www.dmsjuridica.com\/buscador_20179478954\/corteconstitucionalcronologico202454587\/t-642-13\/\" class=\"_self pt-cv-readmore btn btn-success\" target=\"_self\">Ver Sentencia Completa...<\/a><\/div><\/div><\/div><\/div>\n<div class=\"col-md-12 col-sm-12 col-xs-12 pt-cv-content-item pt-cv-1-col\" ><div class='pt-cv-ifield'><a href=\"https:\/\/www.dmsjuridica.com\/buscador_20179478954\/corteconstitucionalcronologico202454587\/t-641-13\/\" class=\"_self pt-cv-href-thumbnail pt-cv-thumb-default\" target=\"_self\" ><\/a>\n<div class=\"pt-cv-taxoterm above_title\"><a href='https:\/\/www.dmsjuridica.com\/buscador_20179478954\/corteconstitucionalcronologico202454587\/category\/buscar-en-toda-la-corte\/2013\/tutelas-2013\/' title='Tutelas 2013' class='pt-cv-tax-tutelas-2013'>Tutelas 2013<\/a><\/div>\n<h4 class=\"pt-cv-title\"><a href=\"https:\/\/www.dmsjuridica.com\/buscador_20179478954\/corteconstitucionalcronologico202454587\/t-641-13\/\" class=\"_self\" target=\"_self\" >T-641-13<\/a><\/h4>\n<div class=\"pt-cv-content\">\u00a0 \u00a0 \u00a0 \u00a0 \u00a0 \u00a0T-641-13 \u00a0 \u00a0 \u00a0 \u00a0 \u00a0 \u00a0\u00a0 Sentencia T-641\/13 \u00a0 \u00a0 (Bogot\u00e1 D. \u00a0 C., septiembre 13) \u00a0 \u00a0 ACCION DE TUTELA CONTRA ACTO \u00a0 ADMINISTRATIVO-Improcedencia por existir otro medio de defensa judicial en \u00a0 desvinculaci\u00f3n como Gerente de Hospital y no se demostr\u00f3 perjuicio irremediable \u00a0 \u00a0 No procede el an\u00e1lisis de la demanda de tutela presentada por \u00a0 el accionante contra la Alcald\u00eda Municipal, pues no se cumple con el requisito \u00a0 de subsidiariedad de la acci\u00f3n de tutela, toda vez que cuenta con otro mecanismo \u00a0 judicial de defensa eficaz para controvertir ...<br \/><div class=\"pt-cv-rmwrap\"><a href=\"https:\/\/www.dmsjuridica.com\/buscador_20179478954\/corteconstitucionalcronologico202454587\/t-641-13\/\" class=\"_self pt-cv-readmore btn btn-success\" target=\"_self\">Ver Sentencia Completa...<\/a><\/div><\/div><\/div><\/div>\n<div class=\"col-md-12 col-sm-12 col-xs-12 pt-cv-content-item pt-cv-1-col\" ><div class='pt-cv-ifield'><a href=\"https:\/\/www.dmsjuridica.com\/buscador_20179478954\/corteconstitucionalcronologico202454587\/t-640-13\/\" class=\"_self pt-cv-href-thumbnail pt-cv-thumb-default\" target=\"_self\" ><\/a>\n<div class=\"pt-cv-taxoterm above_title\"><a href='https:\/\/www.dmsjuridica.com\/buscador_20179478954\/corteconstitucionalcronologico202454587\/category\/buscar-en-toda-la-corte\/2013\/tutelas-2013\/' title='Tutelas 2013' class='pt-cv-tax-tutelas-2013'>Tutelas 2013<\/a><\/div>\n<h4 class=\"pt-cv-title\"><a href=\"https:\/\/www.dmsjuridica.com\/buscador_20179478954\/corteconstitucionalcronologico202454587\/t-640-13\/\" class=\"_self\" target=\"_self\" >T-640-13<\/a><\/h4>\n<div class=\"pt-cv-content\">\u00a0 \u00a0 \u00a0 \u00a0 \u00a0 \u00a0T-640-13 \u00a0 \u00a0 \u00a0 \u00a0 \u00a0 \u00a0\u00a0 Sentencia T-640\/13 \u00a0 \u00a0 \u00a0(Bogot\u00e1 D.C., \u00a0 Septiembre 13) \u00a0 \u00a0 DERECHO DE PETICION-Peticiones \u00a0 respetuosas presentadas por particulares ante autoridades deben ser resueltas de \u00a0 manera oportuna, completa y de fondo \u00a0 \u00a0 El art\u00edculo 23 de la \u00a0 Constituci\u00f3n consagra el derecho que tienen todos los ciudadanos de elevar \u00a0 peticiones a las autoridades por motivos de inter\u00e9s particular y general. Esta \u00a0 Corporaci\u00f3n ha reconocido que el n\u00facleo esencial del derecho de petici\u00f3n se \u00a0 encuentra resguardado una vez se suministre respuesta oportuna y de ...<br \/><div class=\"pt-cv-rmwrap\"><a href=\"https:\/\/www.dmsjuridica.com\/buscador_20179478954\/corteconstitucionalcronologico202454587\/t-640-13\/\" class=\"_self pt-cv-readmore btn btn-success\" target=\"_self\">Ver Sentencia Completa...<\/a><\/div><\/div><\/div><\/div>\n<div class=\"col-md-12 col-sm-12 col-xs-12 pt-cv-content-item pt-cv-1-col\" ><div class='pt-cv-ifield'><a href=\"https:\/\/www.dmsjuridica.com\/buscador_20179478954\/corteconstitucionalcronologico202454587\/t-639-13\/\" class=\"_self pt-cv-href-thumbnail pt-cv-thumb-default\" target=\"_self\" ><\/a>\n<div class=\"pt-cv-taxoterm above_title\"><a href='https:\/\/www.dmsjuridica.com\/buscador_20179478954\/corteconstitucionalcronologico202454587\/category\/buscar-en-toda-la-corte\/2013\/tutelas-2013\/' title='Tutelas 2013' class='pt-cv-tax-tutelas-2013'>Tutelas 2013<\/a><\/div>\n<h4 class=\"pt-cv-title\"><a href=\"https:\/\/www.dmsjuridica.com\/buscador_20179478954\/corteconstitucionalcronologico202454587\/t-639-13\/\" class=\"_self\" target=\"_self\" >T-639-13<\/a><\/h4>\n<div class=\"pt-cv-content\">\u00a0 \u00a0 \u00a0 \u00a0 \u00a0 \u00a0T-639-13 \u00a0 \u00a0 \u00a0 \u00a0 \u00a0 \u00a0\u00a0 Sentencia T-639\/13 \u00a0 \u00a0 (Bogot\u00e1, D.C., septiembre \u00a0 13) \u00a0 \u00a0 PROTECCION LABORAL REFORZADA DE \u00a0 MUJER EMBARAZADA Y EN PERIODO DE LACTANCIA-Jurisprudencia constitucional \u00a0 \u00a0 Existe una obligaci\u00f3n general y objetiva de protecci\u00f3n a \u00a0 la mujer embarazada y lactante a cargo del Estado, y una obligaci\u00f3n de car\u00e1cter \u00a0 internacional de establecer una garant\u00eda reforzada por propender la estabilidad \u00a0 laboral de la mujer gestante y lactante. Por otra parte, esta especial \u00a0 protecci\u00f3n a la mujer gestante y a la maternidad se deriva de los ...<br \/><div class=\"pt-cv-rmwrap\"><a href=\"https:\/\/www.dmsjuridica.com\/buscador_20179478954\/corteconstitucionalcronologico202454587\/t-639-13\/\" class=\"_self pt-cv-readmore btn btn-success\" target=\"_self\">Ver Sentencia Completa...<\/a><\/div><\/div><\/div><\/div>\n<div class=\"col-md-12 col-sm-12 col-xs-12 pt-cv-content-item pt-cv-1-col\" ><div class='pt-cv-ifield'><a href=\"https:\/\/www.dmsjuridica.com\/buscador_20179478954\/corteconstitucionalcronologico202454587\/t-638-13\/\" class=\"_self pt-cv-href-thumbnail pt-cv-thumb-default\" target=\"_self\" ><\/a>\n<div class=\"pt-cv-taxoterm above_title\"><a href='https:\/\/www.dmsjuridica.com\/buscador_20179478954\/corteconstitucionalcronologico202454587\/category\/buscar-en-toda-la-corte\/2013\/tutelas-2013\/' title='Tutelas 2013' class='pt-cv-tax-tutelas-2013'>Tutelas 2013<\/a><\/div>\n<h4 class=\"pt-cv-title\"><a href=\"https:\/\/www.dmsjuridica.com\/buscador_20179478954\/corteconstitucionalcronologico202454587\/t-638-13\/\" class=\"_self\" target=\"_self\" >T-638-13<\/a><\/h4>\n<div class=\"pt-cv-content\">\u00a0 \u00a0 \u00a0 \u00a0 \u00a0 \u00a0T-638-13 \u00a0 \u00a0 \u00a0 \u00a0 \u00a0 \u00a0\u00a0 Sentencia T-638\/13 \u00a0 \u00a0 \u00a0(Bogot\u00e1 D.C., \u00a0 septiembre 13) \u00a0 \u00a0 ACCION DE TUTELA PARA TRASLADO \u00a0 DE DOCENTE-Procedencia excepcional por vulneraci\u00f3n de derechos del \u00a0 trabajador o su n\u00facleo familiar \u00a0 \u00a0 Cuando se logra comprobar que la decisi\u00f3n del traslado fue \u00a0 realizada de manera arbitraria o vulnera derechos fundamentales y sin tener en \u00a0 cuenta factores diferenciales debido a las condiciones de debilidad manifiesta \u00a0 del trabajador trasladado, resulta necesario la intervenci\u00f3n del juez \u00a0 constitucional para resguardar los derechos fundamentales del trabajador. En el ...<br \/><div class=\"pt-cv-rmwrap\"><a href=\"https:\/\/www.dmsjuridica.com\/buscador_20179478954\/corteconstitucionalcronologico202454587\/t-638-13\/\" class=\"_self pt-cv-readmore btn btn-success\" target=\"_self\">Ver Sentencia Completa...<\/a><\/div><\/div><\/div><\/div>\n<div class=\"col-md-12 col-sm-12 col-xs-12 pt-cv-content-item pt-cv-1-col\" ><div class='pt-cv-ifield'><a href=\"https:\/\/www.dmsjuridica.com\/buscador_20179478954\/corteconstitucionalcronologico202454587\/t-637-13\/\" class=\"_self pt-cv-href-thumbnail pt-cv-thumb-default\" target=\"_self\" ><\/a>\n<div class=\"pt-cv-taxoterm above_title\"><a href='https:\/\/www.dmsjuridica.com\/buscador_20179478954\/corteconstitucionalcronologico202454587\/category\/buscar-en-toda-la-corte\/2013\/tutelas-2013\/' title='Tutelas 2013' class='pt-cv-tax-tutelas-2013'>Tutelas 2013<\/a><\/div>\n<h4 class=\"pt-cv-title\"><a href=\"https:\/\/www.dmsjuridica.com\/buscador_20179478954\/corteconstitucionalcronologico202454587\/t-637-13\/\" class=\"_self\" target=\"_self\" >T-637-13<\/a><\/h4>\n<div class=\"pt-cv-content\">\u00a0 \u00a0 \u00a0 \u00a0 \u00a0 \u00a0T-637-13 \u00a0 \u00a0 \u00a0 \u00a0 \u00a0 \u00a0\u00a0 Sentencia T-637\/13 \u00a0 \u00a0 ACCION DE TUTELA Y DA\u00d1O CONSUMADO-Casos en que se determina la \u00a0 improcedencia\/DA\u00d1O CONSUMADO-Juez debe determinar si la vulneraci\u00f3n de \u00a0 derechos fundamentales persiste para adoptar medidas que mitiguen el da\u00f1o \u00a0 causado \u00a0 \u00a0 En el presente caso, el \u00a0 peticionario y su c\u00f3nyuge fueron desalojados de la vivienda que ocupaban. En el \u00a0 presente caso tambi\u00e9n se podr\u00edan adoptar medidas que mitiguen del da\u00f1o causado. \u00a0 En casos en los cuales se solicitaba la suspensi\u00f3n de una orden de desalojo, \u00a0 este ...<br \/><div class=\"pt-cv-rmwrap\"><a href=\"https:\/\/www.dmsjuridica.com\/buscador_20179478954\/corteconstitucionalcronologico202454587\/t-637-13\/\" class=\"_self pt-cv-readmore btn btn-success\" target=\"_self\">Ver Sentencia Completa...<\/a><\/div><\/div><\/div><\/div>\n<div class=\"col-md-12 col-sm-12 col-xs-12 pt-cv-content-item pt-cv-1-col\" ><div class='pt-cv-ifield'><a href=\"https:\/\/www.dmsjuridica.com\/buscador_20179478954\/corteconstitucionalcronologico202454587\/t-636-13\/\" class=\"_self pt-cv-href-thumbnail pt-cv-thumb-default\" target=\"_self\" ><\/a>\n<div class=\"pt-cv-taxoterm above_title\"><a href='https:\/\/www.dmsjuridica.com\/buscador_20179478954\/corteconstitucionalcronologico202454587\/category\/buscar-en-toda-la-corte\/2013\/tutelas-2013\/' title='Tutelas 2013' class='pt-cv-tax-tutelas-2013'>Tutelas 2013<\/a><\/div>\n<h4 class=\"pt-cv-title\"><a href=\"https:\/\/www.dmsjuridica.com\/buscador_20179478954\/corteconstitucionalcronologico202454587\/t-636-13\/\" class=\"_self\" target=\"_self\" >T-636-13<\/a><\/h4>\n<div class=\"pt-cv-content\">\u00a0 \u00a0 \u00a0 \u00a0 \u00a0 \u00a0T-636-13 \u00a0 \u00a0 \u00a0 \u00a0 \u00a0 \u00a0\u00a0 Sentencia T-636\/13 \u00a0 \u00a0\u00a0 AGENCIA OFICIOSA EN TUTELA DE NI\u00d1OS, NI\u00d1AS Y \u00a0 ADOLESCENTES-Requisitos no tienen \u00a0 aplicaci\u00f3n \u00a0 \u00a0 LEGITIMACION POR ACTIVA EN TUTELA-Cualquier persona puede exigir el cumplimiento de los \u00a0 derechos de los ni\u00f1os \u00a0 \u00a0 Todas las personas deben concurrir en la protecci\u00f3n de los ni\u00f1os y de las ni\u00f1as, \u00a0 y est\u00e1n llamadas a ejercer acciones para que cesen las situaciones de \u00a0 vulneraci\u00f3n o amenaza que afectan el desarrollo arm\u00f3nico de los menores o el \u00a0 pleno ejercicio de sus derechos. La ...<br \/><div class=\"pt-cv-rmwrap\"><a href=\"https:\/\/www.dmsjuridica.com\/buscador_20179478954\/corteconstitucionalcronologico202454587\/t-636-13\/\" class=\"_self pt-cv-readmore btn btn-success\" target=\"_self\">Ver Sentencia Completa...<\/a><\/div><\/div><\/div><\/div>\n<div class=\"col-md-12 col-sm-12 col-xs-12 pt-cv-content-item pt-cv-1-col\" ><div class='pt-cv-ifield'><a href=\"https:\/\/www.dmsjuridica.com\/buscador_20179478954\/corteconstitucionalcronologico202454587\/t-635-13\/\" class=\"_self pt-cv-href-thumbnail pt-cv-thumb-default\" target=\"_self\" ><\/a>\n<div class=\"pt-cv-taxoterm above_title\"><a href='https:\/\/www.dmsjuridica.com\/buscador_20179478954\/corteconstitucionalcronologico202454587\/category\/buscar-en-toda-la-corte\/2013\/tutelas-2013\/' title='Tutelas 2013' class='pt-cv-tax-tutelas-2013'>Tutelas 2013<\/a><\/div>\n<h4 class=\"pt-cv-title\"><a href=\"https:\/\/www.dmsjuridica.com\/buscador_20179478954\/corteconstitucionalcronologico202454587\/t-635-13\/\" class=\"_self\" target=\"_self\" >T-635-13<\/a><\/h4>\n<div class=\"pt-cv-content\">\u00a0 \u00a0 \u00a0 \u00a0 \u00a0 \u00a0T-635-13 \u00a0 \u00a0 \u00a0 \u00a0 \u00a0 \u00a0\u00a0 Sentencia T-635\/13 \u00a0 \u00a0\u00a0 DERECHO A LA \u00a0 EDUCACION-Procedencia \u00a0 de la acci\u00f3n de tutela para su protecci\u00f3n \u00a0 \u00a0 DERECHO A LA \u00a0 EDUCACION-Prohibici\u00f3n \u00a0 retenci\u00f3n de notas o certificados por no pago de pensi\u00f3n \u00a0 \u00a0 La retenci\u00f3n de \u00a0 los documentos que acreditan la labor realizada por un estudiante en una \u00a0 instituci\u00f3n educativa, es un l\u00edmite injustificado (i) al derecho a la educaci\u00f3n, \u00a0 en tanto son documentos necesarios para continuar la vida escolar, sea en otra \u00a0 instituci\u00f3n del mismo nivel, o en ...<br \/><div class=\"pt-cv-rmwrap\"><a href=\"https:\/\/www.dmsjuridica.com\/buscador_20179478954\/corteconstitucionalcronologico202454587\/t-635-13\/\" class=\"_self pt-cv-readmore btn btn-success\" target=\"_self\">Ver Sentencia Completa...<\/a><\/div><\/div><\/div><\/div>\n<div class=\"col-md-12 col-sm-12 col-xs-12 pt-cv-content-item pt-cv-1-col\" ><div class='pt-cv-ifield'><a href=\"https:\/\/www.dmsjuridica.com\/buscador_20179478954\/corteconstitucionalcronologico202454587\/t-634-13\/\" class=\"_self pt-cv-href-thumbnail pt-cv-thumb-default\" target=\"_self\" ><\/a>\n<div class=\"pt-cv-taxoterm above_title\"><a href='https:\/\/www.dmsjuridica.com\/buscador_20179478954\/corteconstitucionalcronologico202454587\/category\/buscar-en-toda-la-corte\/2013\/tutelas-2013\/' title='Tutelas 2013' class='pt-cv-tax-tutelas-2013'>Tutelas 2013<\/a><\/div>\n<h4 class=\"pt-cv-title\"><a href=\"https:\/\/www.dmsjuridica.com\/buscador_20179478954\/corteconstitucionalcronologico202454587\/t-634-13\/\" class=\"_self\" target=\"_self\" >T-634-13<\/a><\/h4>\n<div class=\"pt-cv-content\">\u00a0 \u00a0 \u00a0 \u00a0 \u00a0 \u00a0T-634-13 \u00a0 \u00a0 \u00a0 \u00a0 \u00a0 \u00a0\u00a0 Sentencia T-634\/13 \u00a0 \u00a0 ACCION DE TUTELA CONTRA \u00a0 PARTICULARES CUANDO EL AFECTADO SE ENCUENTRA EN ESTADO DE INDEFENSION-Empresa \u00a0 se neg\u00f3 a retirar de la red social \u00a0 Facebook y de otros medios de publicidad, varias fotograf\u00edas comprometedoras que \u00a0 afectan derecho a la intimidad y al buen nombre de la accionante \u00a0 \u00a0 En lo que respecta al estado de subordinaci\u00f3n, la Corte \u00a0 Constitucional lo ha entendido como \u201cel acatamiento y sometimiento a \u00f3rdenes \u00a0 proferidas por quienes, en raz\u00f3n de sus calidades, tienen la ...<br \/><div class=\"pt-cv-rmwrap\"><a href=\"https:\/\/www.dmsjuridica.com\/buscador_20179478954\/corteconstitucionalcronologico202454587\/t-634-13\/\" class=\"_self pt-cv-readmore btn btn-success\" target=\"_self\">Ver Sentencia Completa...<\/a><\/div><\/div><\/div><\/div>\n<div class=\"col-md-12 col-sm-12 col-xs-12 pt-cv-content-item pt-cv-1-col\" ><div class='pt-cv-ifield'><a href=\"https:\/\/www.dmsjuridica.com\/buscador_20179478954\/corteconstitucionalcronologico202454587\/t-633-13\/\" class=\"_self pt-cv-href-thumbnail pt-cv-thumb-default\" target=\"_self\" ><\/a>\n<div class=\"pt-cv-taxoterm above_title\"><a href='https:\/\/www.dmsjuridica.com\/buscador_20179478954\/corteconstitucionalcronologico202454587\/category\/buscar-en-toda-la-corte\/2013\/tutelas-2013\/' title='Tutelas 2013' class='pt-cv-tax-tutelas-2013'>Tutelas 2013<\/a><\/div>\n<h4 class=\"pt-cv-title\"><a href=\"https:\/\/www.dmsjuridica.com\/buscador_20179478954\/corteconstitucionalcronologico202454587\/t-633-13\/\" class=\"_self\" target=\"_self\" >T-633-13<\/a><\/h4>\n<div class=\"pt-cv-content\">\u00a0 \u00a0 \u00a0 \u00a0 \u00a0 \u00a0T-633-13 \u00a0 \u00a0 \u00a0 \u00a0 \u00a0 \u00a0\u00a0 Sentencia \u00a0 T-633\/13 \u00a0 \u00a0 ACCION DE TUTELA EN MATERIA DE PENSION DE \u00a0 SOBREVIVIENTES-Podr\u00e1 otorgarse de \u00a0 manera transitoria o definitiva si de la evaluaci\u00f3n del caso se deduce la \u00a0 procedencia \u00a0 \u00a0 El Tribunal Constitucional ha estudiado dos situaciones distintas de \u00a0 procedibilidad: cuando la acci\u00f3n de tutela (i) se interpone como mecanismo \u00a0 principal o; (ii) se ejercita como medio de defensa transitorio, a efecto de \u00a0 evitar la consumaci\u00f3n de un perjuicio irremediable. Al respecto, en sentencia \u00a0 T-235 de 2010 la Corte ...<br \/><div class=\"pt-cv-rmwrap\"><a href=\"https:\/\/www.dmsjuridica.com\/buscador_20179478954\/corteconstitucionalcronologico202454587\/t-633-13\/\" class=\"_self pt-cv-readmore btn btn-success\" target=\"_self\">Ver Sentencia Completa...<\/a><\/div><\/div><\/div><\/div>\n<div class=\"col-md-12 col-sm-12 col-xs-12 pt-cv-content-item pt-cv-1-col\" ><div class='pt-cv-ifield'><a href=\"https:\/\/www.dmsjuridica.com\/buscador_20179478954\/corteconstitucionalcronologico202454587\/t-632-13\/\" class=\"_self pt-cv-href-thumbnail pt-cv-thumb-default\" target=\"_self\" ><\/a>\n<div class=\"pt-cv-taxoterm above_title\"><a href='https:\/\/www.dmsjuridica.com\/buscador_20179478954\/corteconstitucionalcronologico202454587\/category\/buscar-en-toda-la-corte\/2013\/tutelas-2013\/' title='Tutelas 2013' class='pt-cv-tax-tutelas-2013'>Tutelas 2013<\/a><\/div>\n<h4 class=\"pt-cv-title\"><a href=\"https:\/\/www.dmsjuridica.com\/buscador_20179478954\/corteconstitucionalcronologico202454587\/t-632-13\/\" class=\"_self\" target=\"_self\" >T-632-13<\/a><\/h4>\n<div class=\"pt-cv-content\">\u00a0 \u00a0 \u00a0 \u00a0 \u00a0 \u00a0T-632-13 \u00a0 \u00a0 \u00a0 \u00a0 \u00a0 \u00a0\u00a0 Sentencia T-632\/13 \u00a0 \u00a0 DERECHO A LA SALUD DE NI\u00d1OS Y NI\u00d1AS-Protecci\u00f3n constitucional reforzada en el \u00e1mbito \u00a0 interno y en el \u00e1mbito internacional \u00a0 \u00a0 La Corte ha reconocido en infinidad de oportunidades que el derecho a la \u00a0 salud, por tratarse de un derecho fundamental y aut\u00f3nomo, es susceptible de \u00a0 protecci\u00f3n por v\u00eda de tutela, lo cual ha sido reconocido por este Tribunal en \u00a0 una evoluci\u00f3n jurisprudencial basada en la observancia de la doctrina y de los \u00a0 instrumentos internacionales sobre la materia. Acerca ...<br \/><div class=\"pt-cv-rmwrap\"><a href=\"https:\/\/www.dmsjuridica.com\/buscador_20179478954\/corteconstitucionalcronologico202454587\/t-632-13\/\" class=\"_self pt-cv-readmore btn btn-success\" target=\"_self\">Ver Sentencia Completa...<\/a><\/div><\/div><\/div><\/div>\n<div class=\"col-md-12 col-sm-12 col-xs-12 pt-cv-content-item pt-cv-1-col\" ><div class='pt-cv-ifield'><a href=\"https:\/\/www.dmsjuridica.com\/buscador_20179478954\/corteconstitucionalcronologico202454587\/t-631-13\/\" class=\"_self pt-cv-href-thumbnail pt-cv-thumb-default\" target=\"_self\" ><\/a>\n<div class=\"pt-cv-taxoterm above_title\"><a href='https:\/\/www.dmsjuridica.com\/buscador_20179478954\/corteconstitucionalcronologico202454587\/category\/buscar-en-toda-la-corte\/2013\/tutelas-2013\/' title='Tutelas 2013' class='pt-cv-tax-tutelas-2013'>Tutelas 2013<\/a><\/div>\n<h4 class=\"pt-cv-title\"><a href=\"https:\/\/www.dmsjuridica.com\/buscador_20179478954\/corteconstitucionalcronologico202454587\/t-631-13\/\" class=\"_self\" target=\"_self\" >T-631-13<\/a><\/h4>\n<div class=\"pt-cv-content\">\u00a0 \u00a0 \u00a0 \u00a0 \u00a0 \u00a0T-631-13 \u00a0 \u00a0 \u00a0 \u00a0 \u00a0 \u00a0\u00a0 Sentencia T-631\/13 \u00a0 \u00a0 DERECHO FUNDAMENTAL A LA VIVIENDA DIGNA-Protecci\u00f3n en el \u00e1mbito interno e internacional \u00a0 \u00a0 PRINCIPIO DE DIGNIDAD HUMANA-Naturaleza\/DERECHO A LA VIVIENDA DIGNA-Relaci\u00f3n \u00a0 entre su garant\u00eda efectiva y la dignidad humana \u00a0 \u00a0 En m\u00faltiples oportunidades esta Corporaci\u00f3n ha resaltado la dignidad \u00a0 como elemento inescindible de la condici\u00f3n humana, desde su existencia misma, \u00a0 exigiendo su respeto como car\u00e1cter primigenio y fundante del Estado, en la autonom\u00eda y potestad de dise\u00f1ar un plan vital y \u00a0 determinarse seg\u00fan sus caracter\u00edsticas (vivir con libertad), ...<br \/><div class=\"pt-cv-rmwrap\"><a href=\"https:\/\/www.dmsjuridica.com\/buscador_20179478954\/corteconstitucionalcronologico202454587\/t-631-13\/\" class=\"_self pt-cv-readmore btn btn-success\" target=\"_self\">Ver Sentencia Completa...<\/a><\/div><\/div><\/div><\/div>\n<div class=\"col-md-12 col-sm-12 col-xs-12 pt-cv-content-item pt-cv-1-col\" ><div class='pt-cv-ifield'><a href=\"https:\/\/www.dmsjuridica.com\/buscador_20179478954\/corteconstitucionalcronologico202454587\/t-630-13\/\" class=\"_self pt-cv-href-thumbnail pt-cv-thumb-default\" target=\"_self\" ><\/a>\n<div class=\"pt-cv-taxoterm above_title\"><a href='https:\/\/www.dmsjuridica.com\/buscador_20179478954\/corteconstitucionalcronologico202454587\/category\/buscar-en-toda-la-corte\/2013\/tutelas-2013\/' title='Tutelas 2013' class='pt-cv-tax-tutelas-2013'>Tutelas 2013<\/a><\/div>\n<h4 class=\"pt-cv-title\"><a href=\"https:\/\/www.dmsjuridica.com\/buscador_20179478954\/corteconstitucionalcronologico202454587\/t-630-13\/\" class=\"_self\" target=\"_self\" >T-630-13<\/a><\/h4>\n<div class=\"pt-cv-content\">\u00a0 \u00a0 \u00a0 \u00a0 \u00a0 \u00a0T-630-13 \u00a0 \u00a0 \u00a0 \u00a0 \u00a0 \u00a0\u00a0 Sentencia T-630\/13 \u00a0 \u00a0 ACCION DE TUTELA PARA RECONOCIMIENTO DE \u00a0 PENSION DE INVALIDEZ-Procedencia \u00a0 excepcional por afectaci\u00f3n al m\u00ednimo vital y vida digna de sujetos de especial \u00a0 protecci\u00f3n \u00a0 \u00a0 PENSION DE INVALIDEZ COMO COMPONENTE \u00a0 ESENCIAL DE LA SEGURIDAD SOCIAL DE PERSONAS EN SITUACION DE DISCAPACIDAD-Reiteraci\u00f3n de jurisprudencia \u00a0 \u00a0 El derecho a la seguridad social \u00a0 busca garantizar la protecci\u00f3n de un ser humano, frente a necesidades y \u00a0 contingencias como las emanadas de la p\u00e9rdida de la capacidad laboral, ya sea \u00a0 por ...<br \/><div class=\"pt-cv-rmwrap\"><a href=\"https:\/\/www.dmsjuridica.com\/buscador_20179478954\/corteconstitucionalcronologico202454587\/t-630-13\/\" class=\"_self pt-cv-readmore btn btn-success\" target=\"_self\">Ver Sentencia Completa...<\/a><\/div><\/div><\/div><\/div>\n<div class=\"col-md-12 col-sm-12 col-xs-12 pt-cv-content-item pt-cv-1-col\" ><div class='pt-cv-ifield'><a href=\"https:\/\/www.dmsjuridica.com\/buscador_20179478954\/corteconstitucionalcronologico202454587\/t-629-13\/\" class=\"_self pt-cv-href-thumbnail pt-cv-thumb-default\" target=\"_self\" ><\/a>\n<div class=\"pt-cv-taxoterm above_title\"><a href='https:\/\/www.dmsjuridica.com\/buscador_20179478954\/corteconstitucionalcronologico202454587\/category\/buscar-en-toda-la-corte\/2013\/tutelas-2013\/' title='Tutelas 2013' class='pt-cv-tax-tutelas-2013'>Tutelas 2013<\/a><\/div>\n<h4 class=\"pt-cv-title\"><a href=\"https:\/\/www.dmsjuridica.com\/buscador_20179478954\/corteconstitucionalcronologico202454587\/t-629-13\/\" class=\"_self\" target=\"_self\" >T-629-13<\/a><\/h4>\n<div class=\"pt-cv-content\">\u00a0 \u00a0 \u00a0 \u00a0 \u00a0 \u00a0T-629-13 \u00a0 \u00a0 \u00a0 \u00a0 \u00a0 \u00a0\u00a0 Sentencia T-629\/13 \u00a0 \u00a0 RECUPERACION \u00a0 DEL ESPACIO PUBLICO Y DERECHO AL TRABAJO-Reiteraci\u00f3n de jurisprudencia \u00a0 \u00a0 Esta Corporaci\u00f3n, \u00a0 reiteradamente, ha analizado el conflicto constitucional generado por la \u00a0 ocupaci\u00f3n irregular del espacio p\u00fablico por parte de vendedores informales, cuyo \u00a0 n\u00facleo principal radica en la tensi\u00f3n que se genera entre el deber del Estado de \u00a0 proteger la integridad del espacio p\u00fablico y la realizaci\u00f3n del derecho \u00a0 constitucional al trabajo de quienes, al estar excluidos de los mecanismos \u00a0 formales de inserci\u00f3n laboral, se dedican ...<br \/><div class=\"pt-cv-rmwrap\"><a href=\"https:\/\/www.dmsjuridica.com\/buscador_20179478954\/corteconstitucionalcronologico202454587\/t-629-13\/\" class=\"_self pt-cv-readmore btn btn-success\" target=\"_self\">Ver Sentencia Completa...<\/a><\/div><\/div><\/div><\/div>\n<div class=\"col-md-12 col-sm-12 col-xs-12 pt-cv-content-item pt-cv-1-col\" ><div class='pt-cv-ifield'><a href=\"https:\/\/www.dmsjuridica.com\/buscador_20179478954\/corteconstitucionalcronologico202454587\/t-628-13\/\" class=\"_self pt-cv-href-thumbnail pt-cv-thumb-default\" target=\"_self\" ><\/a>\n<div class=\"pt-cv-taxoterm above_title\"><a href='https:\/\/www.dmsjuridica.com\/buscador_20179478954\/corteconstitucionalcronologico202454587\/category\/buscar-en-toda-la-corte\/2013\/tutelas-2013\/' title='Tutelas 2013' class='pt-cv-tax-tutelas-2013'>Tutelas 2013<\/a><\/div>\n<h4 class=\"pt-cv-title\"><a href=\"https:\/\/www.dmsjuridica.com\/buscador_20179478954\/corteconstitucionalcronologico202454587\/t-628-13\/\" class=\"_self\" target=\"_self\" >T-628-13<\/a><\/h4>\n<div class=\"pt-cv-content\">\u00a0 \u00a0 \u00a0 \u00a0 \u00a0 \u00a0T-628-13 \u00a0 \u00a0 \u00a0 \u00a0 \u00a0 \u00a0\u00a0 Sentencia T-628\/13 \u00a0 \u00a0 ACCION DE TUTELA PARA EL RECONOCIMIENTO DE ACREENCIAS \u00a0 PENSIONALES-Improcedencia general \u00a0 \u00a0 La procedencia de la acci\u00f3n de tutela para obtener \u00a0 prestaciones sociales no puede desconocer el ordenamiento jur\u00eddico que prev\u00e9 \u00a0 procedimientos adecuados para el reconocimiento de los derechos en cumplimiento \u00a0 del debido proceso. De esta forma, por regla general las acreencias laborales \u00a0 incluidas en aquellas los retroactivos pensionales a que el trabajador tenga \u00a0 derecho, escapan a la procedencia del amparo en cuanto no exista afectaci\u00f3n del \u00a0 ...<br \/><div class=\"pt-cv-rmwrap\"><a href=\"https:\/\/www.dmsjuridica.com\/buscador_20179478954\/corteconstitucionalcronologico202454587\/t-628-13\/\" class=\"_self pt-cv-readmore btn btn-success\" target=\"_self\">Ver Sentencia Completa...<\/a><\/div><\/div><\/div><\/div>\n<div class=\"col-md-12 col-sm-12 col-xs-12 pt-cv-content-item pt-cv-1-col\" ><div class='pt-cv-ifield'><a href=\"https:\/\/www.dmsjuridica.com\/buscador_20179478954\/corteconstitucionalcronologico202454587\/t-627-13\/\" class=\"_self pt-cv-href-thumbnail pt-cv-thumb-default\" target=\"_self\" ><\/a>\n<div class=\"pt-cv-taxoterm above_title\"><a href='https:\/\/www.dmsjuridica.com\/buscador_20179478954\/corteconstitucionalcronologico202454587\/category\/buscar-en-toda-la-corte\/2013\/tutelas-2013\/' title='Tutelas 2013' class='pt-cv-tax-tutelas-2013'>Tutelas 2013<\/a><\/div>\n<h4 class=\"pt-cv-title\"><a href=\"https:\/\/www.dmsjuridica.com\/buscador_20179478954\/corteconstitucionalcronologico202454587\/t-627-13\/\" class=\"_self\" target=\"_self\" >T-627-13<\/a><\/h4>\n<div class=\"pt-cv-content\">\u00a0 \u00a0 \u00a0 \u00a0 \u00a0 \u00a0T-627-13 \u00a0 \u00a0 \u00a0 \u00a0 \u00a0 \u00a0\u00a0 Sentencia T-627\/13 \u00a0 \u00a0 ACCION DE TUTELA PARA RECONOCIMIENTO DE PENSION DE \u00a0 INVALIDEZ-Procedencia excepcional por \u00a0 afectaci\u00f3n al m\u00ednimo vital y vida digna de sujetos de especial protecci\u00f3n \u00a0 \u00a0 ACCION DE TUTELA PARA EL RECONOCIMIENTO DE PENSION DE \u00a0 INVALIDEZ A ENFERMO DE VIH\/SIDA-Procedencia \u00a0 por ser el mecanismo id\u00f3neo para la defensa de los derechos fundamentales del \u00a0 accionante y para lograr el reconocimiento de la prestaci\u00f3n pensional \u00a0 \u00a0 PENSION DE INVALIDEZ-Marco normativo \u00a0 \u00a0 PENSION DE INVALIDEZ-Se deben contabilizar semanas cotizadas con \u00a0 ...<br \/><div class=\"pt-cv-rmwrap\"><a href=\"https:\/\/www.dmsjuridica.com\/buscador_20179478954\/corteconstitucionalcronologico202454587\/t-627-13\/\" class=\"_self pt-cv-readmore btn btn-success\" target=\"_self\">Ver Sentencia Completa...<\/a><\/div><\/div><\/div><\/div>\n<div class=\"col-md-12 col-sm-12 col-xs-12 pt-cv-content-item pt-cv-1-col\" ><div class='pt-cv-ifield'><a href=\"https:\/\/www.dmsjuridica.com\/buscador_20179478954\/corteconstitucionalcronologico202454587\/t-626-13\/\" class=\"_self pt-cv-href-thumbnail pt-cv-thumb-default\" target=\"_self\" ><\/a>\n<div class=\"pt-cv-taxoterm above_title\"><a href='https:\/\/www.dmsjuridica.com\/buscador_20179478954\/corteconstitucionalcronologico202454587\/category\/buscar-en-toda-la-corte\/2013\/tutelas-2013\/' title='Tutelas 2013' class='pt-cv-tax-tutelas-2013'>Tutelas 2013<\/a><\/div>\n<h4 class=\"pt-cv-title\"><a href=\"https:\/\/www.dmsjuridica.com\/buscador_20179478954\/corteconstitucionalcronologico202454587\/t-626-13\/\" class=\"_self\" target=\"_self\" >T-626-13<\/a><\/h4>\n<div class=\"pt-cv-content\">\u00a0 \u00a0 \u00a0 \u00a0 \u00a0 \u00a0T-626-13 \u00a0 \u00a0 \u00a0 \u00a0 \u00a0 \u00a0\u00a0 Sentencia T-626\/13 \u00a0 \u00a0 AGENCIA \u00a0 OFICIOSA DE PERSONAS QUE SE ENCUENTRAN PRESTANDO SERVICIO MILITAR OBLIGATORIO-Requisitos \u00a0 para determinar la legitimidad del padre o madre del hijo que presta el servicio \u00a0 militar \u00a0 \u00a0 AGENCIA \u00a0 OFICIOSA EN TUTELA-Padre en representaci\u00f3n de su hijo que presta servicio \u00a0 militar para solicitar desacuartelamiento de \u00e9ste por no haber terminado sus \u00a0 estudios de bachillerato \u00a0 \u00a0 DERECHO \u00a0 FUNDAMENTAL DE PETICION-Protecci\u00f3n constitucional y alcance \u00a0 \u00a0 El derecho \u00a0 de petici\u00f3n consagra de un lado la facultad de ...<br \/><div class=\"pt-cv-rmwrap\"><a href=\"https:\/\/www.dmsjuridica.com\/buscador_20179478954\/corteconstitucionalcronologico202454587\/t-626-13\/\" class=\"_self pt-cv-readmore btn btn-success\" target=\"_self\">Ver Sentencia Completa...<\/a><\/div><\/div><\/div><\/div>\n<div class=\"col-md-12 col-sm-12 col-xs-12 pt-cv-content-item pt-cv-1-col\" ><div class='pt-cv-ifield'><a href=\"https:\/\/www.dmsjuridica.com\/buscador_20179478954\/corteconstitucionalcronologico202454587\/t-625-13\/\" class=\"_self pt-cv-href-thumbnail pt-cv-thumb-default\" target=\"_self\" ><\/a>\n<div class=\"pt-cv-taxoterm above_title\"><a href='https:\/\/www.dmsjuridica.com\/buscador_20179478954\/corteconstitucionalcronologico202454587\/category\/buscar-en-toda-la-corte\/2013\/tutelas-2013\/' title='Tutelas 2013' class='pt-cv-tax-tutelas-2013'>Tutelas 2013<\/a><\/div>\n<h4 class=\"pt-cv-title\"><a href=\"https:\/\/www.dmsjuridica.com\/buscador_20179478954\/corteconstitucionalcronologico202454587\/t-625-13\/\" class=\"_self\" target=\"_self\" >T-625-13<\/a><\/h4>\n<div class=\"pt-cv-content\">\u00a0 \u00a0 \u00a0 \u00a0 \u00a0 \u00a0T-625-13 \u00a0 \u00a0 \u00a0 \u00a0 \u00a0 \u00a0\u00a0 Sentencia T-625\/13 \u00a0 \u00a0 EDUCACION-Derecho \u00a0 deber \u00a0 \u00a0 DERECHO FUNDAMENTAL A LA EDUCACION-Protecci\u00f3n legal y constitucional \u00a0 \u00a0 Esta Sala infiere que aunque el car\u00e1cter \u00a0 fundamental del derecho al acceso integral y efectivo de la educaci\u00f3n no se \u00a0 encuentra consagrado de forma expresa en la Carta Pol\u00edtica, se deduce que\u00a0 \u00a0 persigue la realizaci\u00f3n de la persona y el goce efectivo de su bienestar social. \u00a0 Paralelamente, la jurisprudencia constitucional ha salvaguardado la aplicaci\u00f3n \u00a0 de este derecho exhaustivamente y de este modo le ha ...<br \/><div class=\"pt-cv-rmwrap\"><a href=\"https:\/\/www.dmsjuridica.com\/buscador_20179478954\/corteconstitucionalcronologico202454587\/t-625-13\/\" class=\"_self pt-cv-readmore btn btn-success\" target=\"_self\">Ver Sentencia Completa...<\/a><\/div><\/div><\/div><\/div>\n<div class=\"col-md-12 col-sm-12 col-xs-12 pt-cv-content-item pt-cv-1-col\" ><div class='pt-cv-ifield'><a href=\"https:\/\/www.dmsjuridica.com\/buscador_20179478954\/corteconstitucionalcronologico202454587\/t-620-13\/\" class=\"_self pt-cv-href-thumbnail pt-cv-thumb-default\" target=\"_self\" ><\/a>\n<div class=\"pt-cv-taxoterm above_title\"><a href='https:\/\/www.dmsjuridica.com\/buscador_20179478954\/corteconstitucionalcronologico202454587\/category\/buscar-en-toda-la-corte\/2013\/tutelas-2013\/' title='Tutelas 2013' class='pt-cv-tax-tutelas-2013'>Tutelas 2013<\/a><\/div>\n<h4 class=\"pt-cv-title\"><a href=\"https:\/\/www.dmsjuridica.com\/buscador_20179478954\/corteconstitucionalcronologico202454587\/t-620-13\/\" class=\"_self\" target=\"_self\" >T-620-13<\/a><\/h4>\n<div class=\"pt-cv-content\">\u00a0 \u00a0 \u00a0 \u00a0 \u00a0 \u00a0T-620-13 \u00a0 \u00a0 \u00a0 \u00a0 \u00a0 \u00a0\u00a0 Sentencia T-620\/13 \u00a0 \u00a0 ACCION DE \u00a0 TUTELA CONTRA PROVIDENCIAS JUDICIALES-Requisitos generales y especiales de \u00a0 procedibilidad \u00a0 \u00a0 DEFECTO \u00a0 PROCEDIMENTAL ABSOLUTO-Configuraci\u00f3n \u00a0 \u00a0 Esta corporaci\u00f3n ha indicado que el defecto \u00a0 procedimental absoluto se puede configurar porque el funcionario judicial: (i) \u00a0 sigue un tr\u00e1mite totalmente ajeno al asunto sometido a su \u00a0 competencia; (ii) pretermite etapas sustanciales del \u00a0 procedimiento establecido, vulnerando el derecho de defensa y contradicci\u00f3n de \u00a0 una de las partes o (iii) \u201cpasa por alto realizar el debate probatorio, \u00a0 natural ...<br \/><div class=\"pt-cv-rmwrap\"><a href=\"https:\/\/www.dmsjuridica.com\/buscador_20179478954\/corteconstitucionalcronologico202454587\/t-620-13\/\" class=\"_self pt-cv-readmore btn btn-success\" target=\"_self\">Ver Sentencia Completa...<\/a><\/div><\/div><\/div><\/div>\n<div class=\"col-md-12 col-sm-12 col-xs-12 pt-cv-content-item pt-cv-1-col\" ><div class='pt-cv-ifield'><a href=\"https:\/\/www.dmsjuridica.com\/buscador_20179478954\/corteconstitucionalcronologico202454587\/t-619-13\/\" class=\"_self pt-cv-href-thumbnail pt-cv-thumb-default\" target=\"_self\" ><\/a>\n<div class=\"pt-cv-taxoterm above_title\"><a href='https:\/\/www.dmsjuridica.com\/buscador_20179478954\/corteconstitucionalcronologico202454587\/category\/buscar-en-toda-la-corte\/2013\/tutelas-2013\/' title='Tutelas 2013' class='pt-cv-tax-tutelas-2013'>Tutelas 2013<\/a><\/div>\n<h4 class=\"pt-cv-title\"><a href=\"https:\/\/www.dmsjuridica.com\/buscador_20179478954\/corteconstitucionalcronologico202454587\/t-619-13\/\" class=\"_self\" target=\"_self\" >T-619-13<\/a><\/h4>\n<div class=\"pt-cv-content\">\u00a0 \u00a0 \u00a0 \u00a0 \u00a0 \u00a0T-619-13 \u00a0 \u00a0 \u00a0 \u00a0 \u00a0 \u00a0\u00a0 Sentencia T-619\/13 \u00a0 \u00a0 SINDICATO-Titularidad \u00a0 para interponer tutela\/LEGITIMACION POR ACTIVA DEL SINDICATO \u00a0 \u00a0 LEGITIMACION \u00a0 DE SINDICATO PARA INTERPONER ACCION DE TUTELA A FAVOR DE SUS AFILIADOS \u00a0 \u00a0 DERECHO DE \u00a0 ASOCIACION SINDICAL-Procedencia de tutela por discriminaci\u00f3n injustificada a \u00a0 los afiliados de sindicato \u00a0 \u00a0 DERECHO DE \u00a0 ASOCIACION SINDICAL-Dimensiones \u00a0 \u00a0 Dentro del derecho de \u00a0 asociaci\u00f3n sindical la jurisprudencia ha identificado tres dimensiones, las \u00a0 cuales a su vez entra\u00f1an una expresi\u00f3n de libertad: (i). Dimensi\u00f3n individual: \u00a0 Consiste en la posibilidad ...<br \/><div class=\"pt-cv-rmwrap\"><a href=\"https:\/\/www.dmsjuridica.com\/buscador_20179478954\/corteconstitucionalcronologico202454587\/t-619-13\/\" class=\"_self pt-cv-readmore btn btn-success\" target=\"_self\">Ver Sentencia Completa...<\/a><\/div><\/div><\/div><\/div>\n<div class=\"col-md-12 col-sm-12 col-xs-12 pt-cv-content-item pt-cv-1-col\" ><div class='pt-cv-ifield'><a href=\"https:\/\/www.dmsjuridica.com\/buscador_20179478954\/corteconstitucionalcronologico202454587\/t-618-13\/\" class=\"_self pt-cv-href-thumbnail pt-cv-thumb-default\" target=\"_self\" ><\/a>\n<div class=\"pt-cv-taxoterm above_title\"><a href='https:\/\/www.dmsjuridica.com\/buscador_20179478954\/corteconstitucionalcronologico202454587\/category\/buscar-en-toda-la-corte\/2013\/tutelas-2013\/' title='Tutelas 2013' class='pt-cv-tax-tutelas-2013'>Tutelas 2013<\/a><\/div>\n<h4 class=\"pt-cv-title\"><a href=\"https:\/\/www.dmsjuridica.com\/buscador_20179478954\/corteconstitucionalcronologico202454587\/t-618-13\/\" class=\"_self\" target=\"_self\" >T-618-13<\/a><\/h4>\n<div class=\"pt-cv-content\">\u00a0 \u00a0 \u00a0 \u00a0 \u00a0 \u00a0T-618-13 \u00a0 \u00a0 \u00a0 \u00a0 \u00a0 \u00a0\u00a0 Sentencia T-618\/13 \u00a0 \u00a0 ACCION DE TUTELA \u00a0 PARA PROTEGER EL DERECHO FUNDAMENTAL A LA SEGURIDAD SOCIAL CUANDO SU AFECTACION \u00a0 SE DERIVA DEL RECONOCIMIENTO DE UNA PENSION-Reiteraci\u00f3n de jurisprudencia \u00a0 \u00a0 El derecho a la seguridad \u00a0 social es susceptible de protecci\u00f3n excepcional por medio de la acci\u00f3n de \u00a0 tutela, habida cuenta del car\u00e1cter prestacional que ostenta, cuando sean \u00a0 verificadas por el juez las circunstancias especiales que justifiquen dejar de \u00a0 lado los mecanismos judiciales ordinarios establecidos inicialmente para su \u00a0 protecci\u00f3n. \u00a0 \u00a0 ACCION ...<br \/><div class=\"pt-cv-rmwrap\"><a href=\"https:\/\/www.dmsjuridica.com\/buscador_20179478954\/corteconstitucionalcronologico202454587\/t-618-13\/\" class=\"_self pt-cv-readmore btn btn-success\" target=\"_self\">Ver Sentencia Completa...<\/a><\/div><\/div><\/div><\/div>\n<div class=\"col-md-12 col-sm-12 col-xs-12 pt-cv-content-item pt-cv-1-col\" ><div class='pt-cv-ifield'><a href=\"https:\/\/www.dmsjuridica.com\/buscador_20179478954\/corteconstitucionalcronologico202454587\/t-611-13\/\" class=\"_self pt-cv-href-thumbnail pt-cv-thumb-default\" target=\"_self\" ><\/a>\n<div class=\"pt-cv-taxoterm above_title\"><a href='https:\/\/www.dmsjuridica.com\/buscador_20179478954\/corteconstitucionalcronologico202454587\/category\/buscar-en-toda-la-corte\/2013\/tutelas-2013\/' title='Tutelas 2013' class='pt-cv-tax-tutelas-2013'>Tutelas 2013<\/a><\/div>\n<h4 class=\"pt-cv-title\"><a href=\"https:\/\/www.dmsjuridica.com\/buscador_20179478954\/corteconstitucionalcronologico202454587\/t-611-13\/\" class=\"_self\" target=\"_self\" >T-611-13<\/a><\/h4>\n<div class=\"pt-cv-content\">\u00a0 \u00a0 \u00a0 \u00a0 \u00a0 \u00a0T-611-13 \u00a0 \u00a0 \u00a0 \u00a0 \u00a0 \u00a0\u00a0 Nota de relator\u00eda.\u00a0 Mediante auto 112 de fecha 25 de abril de 2014 el cual se anexa \u00a0 en la parte final de la presente sentencia, se corrige el segundo nombre del \u00a0 actor, en cuanto a escribirlo con la letra (z) en lugar de la letra (s). \u00a0 \u00a0 \u00a0 Sentencia T-611\/13 \u00a0 \u00a0 DERECHO A LA IDENTIDAD-Contenido \u00a0 \u00a0 CAMBIO DE NOMBRE-Derecho de toda \u00a0 persona a fijar su identidad\/ORIENTACION SEXUAL-Estado no debe imponer \u00a0 barreras para que el individuo desarrolle su proyecto de vida \u00a0 ...<br \/><div class=\"pt-cv-rmwrap\"><a href=\"https:\/\/www.dmsjuridica.com\/buscador_20179478954\/corteconstitucionalcronologico202454587\/t-611-13\/\" class=\"_self pt-cv-readmore btn btn-success\" target=\"_self\">Ver Sentencia Completa...<\/a><\/div><\/div><\/div><\/div>\n<div class=\"col-md-12 col-sm-12 col-xs-12 pt-cv-content-item pt-cv-1-col\" ><div class='pt-cv-ifield'><a href=\"https:\/\/www.dmsjuridica.com\/buscador_20179478954\/corteconstitucionalcronologico202454587\/t-610-13\/\" class=\"_self pt-cv-href-thumbnail pt-cv-thumb-default\" target=\"_self\" ><\/a>\n<div class=\"pt-cv-taxoterm above_title\"><a href='https:\/\/www.dmsjuridica.com\/buscador_20179478954\/corteconstitucionalcronologico202454587\/category\/buscar-en-toda-la-corte\/2013\/tutelas-2013\/' title='Tutelas 2013' class='pt-cv-tax-tutelas-2013'>Tutelas 2013<\/a><\/div>\n<h4 class=\"pt-cv-title\"><a href=\"https:\/\/www.dmsjuridica.com\/buscador_20179478954\/corteconstitucionalcronologico202454587\/t-610-13\/\" class=\"_self\" target=\"_self\" >T-610-13<\/a><\/h4>\n<div class=\"pt-cv-content\">\u00a0 \u00a0 \u00a0 \u00a0 \u00a0 \u00a0T-610-13 \u00a0 \u00a0 \u00a0 \u00a0 \u00a0 \u00a0\u00a0 Sentencia T-610\/13 \u00a0 \u00a0 AGENCIA OFICIOSA EN TUTELA-Se pueden agenciar derechos ajenos cuando el titular de \u00a0 los mismos no est\u00e9 en condiciones de promover su propia defensa \u00a0 \u00a0 DERECHOS DE LOS NI\u00d1OS, MUJERES CABEZA DE FAMILIA, \u00a0 DISCAPACITADOS, PERSONAS DE TERCERA EDAD DESPLAZADOS POR LA VIOLENCIA COMO \u00a0 SUJETOS DE ESPECIAL PROTECCION CONSTITUCIONAL-Procedencia de la acci\u00f3n de tutela para la protecci\u00f3n \u00a0 \u00a0 PRESTACION DE TRATAMIENTOS Y MEDICAMENTOS NO INCLUIDOS \u00a0 EN EL POS-Requisitos que deben \u00a0 concurrir conforme a la sentencia T-760\/08 para ordenar un ...<br \/><div class=\"pt-cv-rmwrap\"><a href=\"https:\/\/www.dmsjuridica.com\/buscador_20179478954\/corteconstitucionalcronologico202454587\/t-610-13\/\" class=\"_self pt-cv-readmore btn btn-success\" target=\"_self\">Ver Sentencia Completa...<\/a><\/div><\/div><\/div><\/div>\n<div class=\"col-md-12 col-sm-12 col-xs-12 pt-cv-content-item pt-cv-1-col\" ><div class='pt-cv-ifield'><a href=\"https:\/\/www.dmsjuridica.com\/buscador_20179478954\/corteconstitucionalcronologico202454587\/t-609-13\/\" class=\"_self pt-cv-href-thumbnail pt-cv-thumb-default\" target=\"_self\" ><\/a>\n<div class=\"pt-cv-taxoterm above_title\"><a href='https:\/\/www.dmsjuridica.com\/buscador_20179478954\/corteconstitucionalcronologico202454587\/category\/buscar-en-toda-la-corte\/2013\/tutelas-2013\/' title='Tutelas 2013' class='pt-cv-tax-tutelas-2013'>Tutelas 2013<\/a><\/div>\n<h4 class=\"pt-cv-title\"><a href=\"https:\/\/www.dmsjuridica.com\/buscador_20179478954\/corteconstitucionalcronologico202454587\/t-609-13\/\" class=\"_self\" target=\"_self\" >T-609-13<\/a><\/h4>\n<div class=\"pt-cv-content\">\u00a0 \u00a0 \u00a0 \u00a0 \u00a0 \u00a0T-609-13 \u00a0 \u00a0 \u00a0 \u00a0 \u00a0 \u00a0\u00a0 Sentencia T-609\/13 \u00a0 \u00a0 LEGITIMACION EN LA CAUSA POR ACTIVA Y AGENCIA OFICIOSA \u00a0 EN LA ACCION DE TUTELA-Requisitos \u00a0 \u00a0 En principio, la tutela es una acci\u00f3n cuyo derecho de postulaci\u00f3n se encuentra \u00a0 radicado en la persona a quien le vulneran o amenazan derechos fundamentales \u00a0 suyos, por la acci\u00f3n u omisi\u00f3n de una autoridad p\u00fablica o, excepcionalmente, de \u00a0 un particular, en los casos que se\u00f1ala la ley. La actuaci\u00f3n por otro en materia \u00a0 de tutela, habilitada constitucionalmente desde el art\u00edculo 86 superior y ...<br \/><div class=\"pt-cv-rmwrap\"><a href=\"https:\/\/www.dmsjuridica.com\/buscador_20179478954\/corteconstitucionalcronologico202454587\/t-609-13\/\" class=\"_self pt-cv-readmore btn btn-success\" target=\"_self\">Ver Sentencia Completa...<\/a><\/div><\/div><\/div><\/div>\n<div class=\"col-md-12 col-sm-12 col-xs-12 pt-cv-content-item pt-cv-1-col\" ><div class='pt-cv-ifield'><a href=\"https:\/\/www.dmsjuridica.com\/buscador_20179478954\/corteconstitucionalcronologico202454587\/t-608-13\/\" class=\"_self pt-cv-href-thumbnail pt-cv-thumb-default\" target=\"_self\" ><\/a>\n<div class=\"pt-cv-taxoterm above_title\"><a href='https:\/\/www.dmsjuridica.com\/buscador_20179478954\/corteconstitucionalcronologico202454587\/category\/buscar-en-toda-la-corte\/2013\/tutelas-2013\/' title='Tutelas 2013' class='pt-cv-tax-tutelas-2013'>Tutelas 2013<\/a><\/div>\n<h4 class=\"pt-cv-title\"><a href=\"https:\/\/www.dmsjuridica.com\/buscador_20179478954\/corteconstitucionalcronologico202454587\/t-608-13\/\" class=\"_self\" target=\"_self\" >T-608-13<\/a><\/h4>\n<div class=\"pt-cv-content\">\u00a0 \u00a0 \u00a0 \u00a0 \u00a0 \u00a0T-608-13 \u00a0 \u00a0 \u00a0 \u00a0 \u00a0 \u00a0\u00a0 Sentencia T-608\/13 \u00a0 \u00a0 VICTIMAS DEL CONFLICTO ARMADO INTERNO-Procedencia de tutela por ser sujetos de \u00a0 especial protecci\u00f3n constitucional \u00a0 \u00a0 DERECHO DE PETICION ANTE UNIDAD ADMINISTRATIVA \u00a0 PARA LA ATENCION Y REPARACION INTEGRAL DE LAS VICTIMAS-Respuesta oportuna, completa y de fondo \u00a0 \u00a0 DERECHO DE PETICION-Requisitos de la respuesta \u00a0 \u00a0 Este Tribunal ha entendido que una \u00a0 respuesta de fondo es aquella que refleja que la entidad ha realizado un proceso \u00a0 anal\u00edtico y detallado para la verificaci\u00f3n de los hechos. Es la respuesta que \u00a0 ...<br \/><div class=\"pt-cv-rmwrap\"><a href=\"https:\/\/www.dmsjuridica.com\/buscador_20179478954\/corteconstitucionalcronologico202454587\/t-608-13\/\" class=\"_self pt-cv-readmore btn btn-success\" target=\"_self\">Ver Sentencia Completa...<\/a><\/div><\/div><\/div><\/div>\n<div class=\"col-md-12 col-sm-12 col-xs-12 pt-cv-content-item pt-cv-1-col\" ><div class='pt-cv-ifield'><a href=\"https:\/\/www.dmsjuridica.com\/buscador_20179478954\/corteconstitucionalcronologico202454587\/t-607-13\/\" class=\"_self pt-cv-href-thumbnail pt-cv-thumb-default\" target=\"_self\" ><\/a>\n<div class=\"pt-cv-taxoterm above_title\"><a href='https:\/\/www.dmsjuridica.com\/buscador_20179478954\/corteconstitucionalcronologico202454587\/category\/buscar-en-toda-la-corte\/2013\/tutelas-2013\/' title='Tutelas 2013' class='pt-cv-tax-tutelas-2013'>Tutelas 2013<\/a><\/div>\n<h4 class=\"pt-cv-title\"><a href=\"https:\/\/www.dmsjuridica.com\/buscador_20179478954\/corteconstitucionalcronologico202454587\/t-607-13\/\" class=\"_self\" target=\"_self\" >T-607-13<\/a><\/h4>\n<div class=\"pt-cv-content\">\u00a0 \u00a0 \u00a0 \u00a0 \u00a0 \u00a0T-607-13 \u00a0 \u00a0 \u00a0 \u00a0 \u00a0 \u00a0\u00a0 Sentencia T-607\/13 \u00a0 \u00a0 MEDICAMENTOS GENERICOS Y COMERCIALES-Criterios para el suministro \u00a0 \u00a0 Las Entidades Promotoras de Salud se encuentran autorizadas para ordenar \u00a0 medicamentos gen\u00e9ricos o comerciales, siempre y cuando estos\u00a0 cumplan con \u00a0 los criterios de calidad, seguridad, eficacia y comodidad para el paciente, \u00a0 siguiendo el criterio del m\u00e9dico tratante; sin embargo, dicha facultad otorgada \u00a0 por la legislaci\u00f3n Colombiana, fue limitada por el Ministerio de Protecci\u00f3n \u00a0 Social, quien\u00a0 a trav\u00e9s de la Resoluci\u00f3n 4377 de 2010 estableci\u00f3 que, los \u00a0 m\u00e9dicos deben formular ...<br \/><div class=\"pt-cv-rmwrap\"><a href=\"https:\/\/www.dmsjuridica.com\/buscador_20179478954\/corteconstitucionalcronologico202454587\/t-607-13\/\" class=\"_self pt-cv-readmore btn btn-success\" target=\"_self\">Ver Sentencia Completa...<\/a><\/div><\/div><\/div><\/div>\n<div class=\"col-md-12 col-sm-12 col-xs-12 pt-cv-content-item pt-cv-1-col\" ><div class='pt-cv-ifield'><a href=\"https:\/\/www.dmsjuridica.com\/buscador_20179478954\/corteconstitucionalcronologico202454587\/t-606-13\/\" class=\"_self pt-cv-href-thumbnail pt-cv-thumb-default\" target=\"_self\" ><\/a>\n<div class=\"pt-cv-taxoterm above_title\"><a href='https:\/\/www.dmsjuridica.com\/buscador_20179478954\/corteconstitucionalcronologico202454587\/category\/buscar-en-toda-la-corte\/2013\/tutelas-2013\/' title='Tutelas 2013' class='pt-cv-tax-tutelas-2013'>Tutelas 2013<\/a><\/div>\n<h4 class=\"pt-cv-title\"><a href=\"https:\/\/www.dmsjuridica.com\/buscador_20179478954\/corteconstitucionalcronologico202454587\/t-606-13\/\" class=\"_self\" target=\"_self\" >T-606-13<\/a><\/h4>\n<div class=\"pt-cv-content\">\u00a0 \u00a0 \u00a0 \u00a0 \u00a0 \u00a0T-606-13 \u00a0 \u00a0 \u00a0 \u00a0 \u00a0 \u00a0\u00a0 Sentencia T-606\/13 \u00a0 \u00a0 PROTECCION DE LOS DIFERENTES TIPOS DE FAMILIA-Marco constitucional y desarrollo \u00a0 jurisprudencial \u00a0 \u00a0 De acuerdo con el art\u00edculo 42 de la \u00a0 Constituci\u00f3n Pol\u00edtica, la familia puede conformarse por matrimonio o por la \u00a0 voluntad responsable de conformarla, y el Estado y la sociedad deben garantizar \u00a0 su protecci\u00f3n integral. Tambi\u00e9n se\u00f1ala el art\u00edculo en comento que \u201cLos hijos habidos en el matrimonio o fuera de \u00a0 \u00e9l, adoptados o procreados naturalmente o con asistencia cient\u00edfica, tienen \u00a0 iguales derechos y deberes.\u201d, proyectando ...<br \/><div class=\"pt-cv-rmwrap\"><a href=\"https:\/\/www.dmsjuridica.com\/buscador_20179478954\/corteconstitucionalcronologico202454587\/t-606-13\/\" class=\"_self pt-cv-readmore btn btn-success\" target=\"_self\">Ver Sentencia Completa...<\/a><\/div><\/div><\/div><\/div>\n<div class=\"col-md-12 col-sm-12 col-xs-12 pt-cv-content-item pt-cv-1-col\" ><div class='pt-cv-ifield'><a href=\"https:\/\/www.dmsjuridica.com\/buscador_20179478954\/corteconstitucionalcronologico202454587\/t-605-13\/\" class=\"_self pt-cv-href-thumbnail pt-cv-thumb-default\" target=\"_self\" ><\/a>\n<div class=\"pt-cv-taxoterm above_title\"><a href='https:\/\/www.dmsjuridica.com\/buscador_20179478954\/corteconstitucionalcronologico202454587\/category\/buscar-en-toda-la-corte\/2013\/tutelas-2013\/' title='Tutelas 2013' class='pt-cv-tax-tutelas-2013'>Tutelas 2013<\/a><\/div>\n<h4 class=\"pt-cv-title\"><a href=\"https:\/\/www.dmsjuridica.com\/buscador_20179478954\/corteconstitucionalcronologico202454587\/t-605-13\/\" class=\"_self\" target=\"_self\" >T-605-13<\/a><\/h4>\n<div class=\"pt-cv-content\">Sentencia T-605\/13 \u00a0 \u00a0 ACCION DE TUTELA TEMERARIA-Concepto \u00a0 \u00a0 TEMERIDAD-Configuraci\u00f3n \u00a0 \u00a0 ACCION DE TUTELA TEMERARIA-Inexistencia por cuanto circunstancias son diferentes \u00a0 por existir nuevos hechos \u00a0 \u00a0 Encuentra la Sala que la accionante no incurri\u00f3 en \u00a0 temeridad, habida cuenta que si bien existe identidad entre las partes, esto es, \u00a0 accionante y accionado, no existe identidad f\u00e1ctica porque en la primera acci\u00f3n \u00a0 de tutela, el Juez Administrativo consider\u00f3 la carencia de objeto debido a que \u00a0 la demandante continuaba en el ejercicio del cargo. As\u00ed mismo, existe en la \u00a0 acci\u00f3n de tutela, objeto de\u00a0 la ...<br \/><div class=\"pt-cv-rmwrap\"><a href=\"https:\/\/www.dmsjuridica.com\/buscador_20179478954\/corteconstitucionalcronologico202454587\/t-605-13\/\" class=\"_self pt-cv-readmore btn btn-success\" target=\"_self\">Ver Sentencia Completa...<\/a><\/div><\/div><\/div><\/div>\n<div class=\"col-md-12 col-sm-12 col-xs-12 pt-cv-content-item pt-cv-1-col\" ><div class='pt-cv-ifield'><a href=\"https:\/\/www.dmsjuridica.com\/buscador_20179478954\/corteconstitucionalcronologico202454587\/t-604-13\/\" class=\"_self pt-cv-href-thumbnail pt-cv-thumb-default\" target=\"_self\" ><\/a>\n<div class=\"pt-cv-taxoterm above_title\"><a href='https:\/\/www.dmsjuridica.com\/buscador_20179478954\/corteconstitucionalcronologico202454587\/category\/buscar-en-toda-la-corte\/2013\/tutelas-2013\/' title='Tutelas 2013' class='pt-cv-tax-tutelas-2013'>Tutelas 2013<\/a><\/div>\n<h4 class=\"pt-cv-title\"><a href=\"https:\/\/www.dmsjuridica.com\/buscador_20179478954\/corteconstitucionalcronologico202454587\/t-604-13\/\" class=\"_self\" target=\"_self\" >T-604-13<\/a><\/h4>\n<div class=\"pt-cv-content\">\u00a0 \u00a0 \u00a0 \u00a0 \u00a0 \u00a0T-604-13 \u00a0 \u00a0 \u00a0 \u00a0 \u00a0 \u00a0\u00a0 Sentencia T-604\/13 \u00a0 \u00a0\u00a0 IGUALDAD DE \u00a0 OPORTUNIDADES EN ACCESO AL EJERCICIO DE FUNCION PUBLICA-Procedencia de la \u00a0 acci\u00f3n de tutela para la protecci\u00f3n \u00a0 \u00a0 Esta corporaci\u00f3n ha determinado \u00a0 que las acciones contencioso administrativas no protegen en igual grado que la \u00a0 tutela, los derechos fundamentales amenazados o vulnerados en los procesos de \u00a0 vinculaci\u00f3n de servidores p\u00fablicos, cuando ello se hace por concurso de m\u00e9ritos, \u00a0 ya que la mayor\u00eda de veces debido a la congesti\u00f3n del aparato jurisdiccional, el \u00a0 agotamiento de las mismas ...<br \/><div class=\"pt-cv-rmwrap\"><a href=\"https:\/\/www.dmsjuridica.com\/buscador_20179478954\/corteconstitucionalcronologico202454587\/t-604-13\/\" class=\"_self pt-cv-readmore btn btn-success\" target=\"_self\">Ver Sentencia Completa...<\/a><\/div><\/div><\/div><\/div>\n<div class=\"col-md-12 col-sm-12 col-xs-12 pt-cv-content-item pt-cv-1-col\" ><div class='pt-cv-ifield'><a href=\"https:\/\/www.dmsjuridica.com\/buscador_20179478954\/corteconstitucionalcronologico202454587\/t-603-13\/\" class=\"_self pt-cv-href-thumbnail pt-cv-thumb-default\" target=\"_self\" ><\/a>\n<div class=\"pt-cv-taxoterm above_title\"><a href='https:\/\/www.dmsjuridica.com\/buscador_20179478954\/corteconstitucionalcronologico202454587\/category\/buscar-en-toda-la-corte\/2013\/tutelas-2013\/' title='Tutelas 2013' class='pt-cv-tax-tutelas-2013'>Tutelas 2013<\/a><\/div>\n<h4 class=\"pt-cv-title\"><a href=\"https:\/\/www.dmsjuridica.com\/buscador_20179478954\/corteconstitucionalcronologico202454587\/t-603-13\/\" class=\"_self\" target=\"_self\" >T-603-13<\/a><\/h4>\n<div class=\"pt-cv-content\">Sentencia T-603\/13 \u00a0 \u00a0 ACCION DE TUTELA DE SUJETOS DE ESPECIAL PROTECCION-Procedencia excepcional cuando se \u00a0 vulnera derecho a la educaci\u00f3n \u00a0 \u00a0 El art\u00edculo 86 superior consagra que cuando se \u00a0 encuentre amenazado un derecho fundamental, la acci\u00f3n de tutela procede como \u00a0 medio de defensa judicial para su protecci\u00f3n inmediata, respecto de cualquier \u00a0 acci\u00f3n u omisi\u00f3n que provenga ya sea de una autoridad p\u00fablica o de un \u00a0 particular. No obstante, de manera previa el juez de tutela tiene la tarea de \u00a0 evaluar si es procedente el amparo. As\u00ed, en caso de no disponer de un ...<br \/><div class=\"pt-cv-rmwrap\"><a href=\"https:\/\/www.dmsjuridica.com\/buscador_20179478954\/corteconstitucionalcronologico202454587\/t-603-13\/\" class=\"_self pt-cv-readmore btn btn-success\" target=\"_self\">Ver Sentencia Completa...<\/a><\/div><\/div><\/div><\/div>\n<div class=\"col-md-12 col-sm-12 col-xs-12 pt-cv-content-item pt-cv-1-col\" ><div class='pt-cv-ifield'><a href=\"https:\/\/www.dmsjuridica.com\/buscador_20179478954\/corteconstitucionalcronologico202454587\/t-602-13\/\" class=\"_self pt-cv-href-thumbnail pt-cv-thumb-default\" target=\"_self\" ><\/a>\n<div class=\"pt-cv-taxoterm above_title\"><a href='https:\/\/www.dmsjuridica.com\/buscador_20179478954\/corteconstitucionalcronologico202454587\/category\/buscar-en-toda-la-corte\/2013\/tutelas-2013\/' title='Tutelas 2013' class='pt-cv-tax-tutelas-2013'>Tutelas 2013<\/a><\/div>\n<h4 class=\"pt-cv-title\"><a href=\"https:\/\/www.dmsjuridica.com\/buscador_20179478954\/corteconstitucionalcronologico202454587\/t-602-13\/\" class=\"_self\" target=\"_self\" >T-602-13<\/a><\/h4>\n<div class=\"pt-cv-content\">\u00a0 \u00a0 \u00a0 \u00a0 \u00a0 \u00a0T-602-13 \u00a0 \u00a0 \u00a0 \u00a0 \u00a0 \u00a0\u00a0 Sentencia \u00a0 T-602\/13 \u00a0 \u00a0 DERECHO A LA VIVIENDA DIGNA-Naturaleza jur\u00eddica, alcance y contenido \u00a0 \u00a0 El concepto de vivienda digna implica contar con un lugar, propio o ajeno, que \u00a0 le permita a la persona desarrollarse en unas m\u00ednimas condiciones de dignidad y \u00a0 satisfacer su proyecto de vida. Igualmente, el art\u00edculo 51 de la Constituci\u00f3n Pol\u00edtica \u00a0 consagra el acceso a una vivienda digna como un derecho de todas las personas, y \u00a0 asigna al Estado la obligaci\u00f3n de fijar las condiciones necesarias para hacerlo \u00a0 ...<br \/><div class=\"pt-cv-rmwrap\"><a href=\"https:\/\/www.dmsjuridica.com\/buscador_20179478954\/corteconstitucionalcronologico202454587\/t-602-13\/\" class=\"_self pt-cv-readmore btn btn-success\" target=\"_self\">Ver Sentencia Completa...<\/a><\/div><\/div><\/div><\/div>\n<div class=\"col-md-12 col-sm-12 col-xs-12 pt-cv-content-item pt-cv-1-col\" ><div class='pt-cv-ifield'><a href=\"https:\/\/www.dmsjuridica.com\/buscador_20179478954\/corteconstitucionalcronologico202454587\/t-601-13\/\" class=\"_self pt-cv-href-thumbnail pt-cv-thumb-default\" target=\"_self\" ><\/a>\n<div class=\"pt-cv-taxoterm above_title\"><a href='https:\/\/www.dmsjuridica.com\/buscador_20179478954\/corteconstitucionalcronologico202454587\/category\/buscar-en-toda-la-corte\/2013\/tutelas-2013\/' title='Tutelas 2013' class='pt-cv-tax-tutelas-2013'>Tutelas 2013<\/a><\/div>\n<h4 class=\"pt-cv-title\"><a href=\"https:\/\/www.dmsjuridica.com\/buscador_20179478954\/corteconstitucionalcronologico202454587\/t-601-13\/\" class=\"_self\" target=\"_self\" >T-601-13<\/a><\/h4>\n<div class=\"pt-cv-content\">\u00a0 \u00a0 \u00a0 \u00a0 \u00a0 \u00a0T-601-13 \u00a0 \u00a0 \u00a0 \u00a0 \u00a0 \u00a0\u00a0 Sentencia T-601\/13 \u00a0 \u00a0 DERECHO AL TRABAJO DE PERSONAS EN SITUACION DE \u00a0 DISCAPACIDAD-Protecci\u00f3n constitucional \u00a0 \u00a0 DISCAPACIDAD-Evoluci\u00f3n \u00a0 hist\u00f3rica del concepto \u00a0 \u00a0 No puede desconocerse que el ambiente (f\u00edsico, cultural, etc.) puede tener un \u00a0 impacto positivo o negativo en la manera de asumir y entender la discapacidad, \u00a0 pues \u201clos efectos de la discapacidad sobre una persona dependen de manera \u00a0 fundamental del entorno social, es decir, que la discapacidad no es \u00fanicamente \u00a0 un problema individual. Esto significa que un medio social negativo y ...<br \/><div class=\"pt-cv-rmwrap\"><a href=\"https:\/\/www.dmsjuridica.com\/buscador_20179478954\/corteconstitucionalcronologico202454587\/t-601-13\/\" class=\"_self pt-cv-readmore btn btn-success\" target=\"_self\">Ver Sentencia Completa...<\/a><\/div><\/div><\/div><\/div>\n<div class=\"col-md-12 col-sm-12 col-xs-12 pt-cv-content-item pt-cv-1-col\" ><div class='pt-cv-ifield'><a href=\"https:\/\/www.dmsjuridica.com\/buscador_20179478954\/corteconstitucionalcronologico202454587\/t-600-13\/\" class=\"_self pt-cv-href-thumbnail pt-cv-thumb-default\" target=\"_self\" ><\/a>\n<div class=\"pt-cv-taxoterm above_title\"><a href='https:\/\/www.dmsjuridica.com\/buscador_20179478954\/corteconstitucionalcronologico202454587\/category\/buscar-en-toda-la-corte\/2013\/tutelas-2013\/' title='Tutelas 2013' class='pt-cv-tax-tutelas-2013'>Tutelas 2013<\/a><\/div>\n<h4 class=\"pt-cv-title\"><a href=\"https:\/\/www.dmsjuridica.com\/buscador_20179478954\/corteconstitucionalcronologico202454587\/t-600-13\/\" class=\"_self\" target=\"_self\" >T-600-13<\/a><\/h4>\n<div class=\"pt-cv-content\">\u00a0 \u00a0 \u00a0 \u00a0 \u00a0 \u00a0T-600-13 \u00a0 \u00a0 \u00a0 \u00a0 \u00a0 \u00a0\u00a0 Sentencia T-600\/13 \u00a0 \u00a0 DERECHO A LA SALUD DEL ADULTO MAYOR-Fundamental aut\u00f3nomo \u00a0 \u00a0 Le corresponde al Estado garantizar los servicios de seguridad \u00a0 social integral, y por ende el servicio de salud a los adultos mayores, dada la \u00a0 condici\u00f3n de sujetos de especial protecci\u00f3n, por lo tanto, la acci\u00f3n de tutela \u00a0 resulta el instrumento id\u00f3neo para materializar el derecho a la salud de dichas \u00a0 personas. es obligaci\u00f3n especial del Estado proteger los derechos fundamentales \u00a0 de los adultos mayores, toda vez que se trata ...<br \/><div class=\"pt-cv-rmwrap\"><a href=\"https:\/\/www.dmsjuridica.com\/buscador_20179478954\/corteconstitucionalcronologico202454587\/t-600-13\/\" class=\"_self pt-cv-readmore btn btn-success\" target=\"_self\">Ver Sentencia Completa...<\/a><\/div><\/div><\/div><\/div>\n<div class=\"col-md-12 col-sm-12 col-xs-12 pt-cv-content-item pt-cv-1-col\" ><div class='pt-cv-ifield'><a href=\"https:\/\/www.dmsjuridica.com\/buscador_20179478954\/corteconstitucionalcronologico202454587\/t-599-13\/\" class=\"_self pt-cv-href-thumbnail pt-cv-thumb-default\" target=\"_self\" ><\/a>\n<div class=\"pt-cv-taxoterm above_title\"><a href='https:\/\/www.dmsjuridica.com\/buscador_20179478954\/corteconstitucionalcronologico202454587\/category\/buscar-en-toda-la-corte\/2013\/tutelas-2013\/' title='Tutelas 2013' class='pt-cv-tax-tutelas-2013'>Tutelas 2013<\/a><\/div>\n<h4 class=\"pt-cv-title\"><a href=\"https:\/\/www.dmsjuridica.com\/buscador_20179478954\/corteconstitucionalcronologico202454587\/t-599-13\/\" class=\"_self\" target=\"_self\" >T-599-13<\/a><\/h4>\n<div class=\"pt-cv-content\">\u00a0 \u00a0 \u00a0 \u00a0 \u00a0 \u00a0T-599-13 \u00a0 \u00a0 \u00a0 \u00a0 \u00a0 \u00a0\u00a0 Sentencia T-599\/13 \u00a0 \u00a0 CONCEPTO DE PROVIDENCIA JUDICIAL-Tambi\u00e9n comprende autos interlocutorios\/ACCION DE \u00a0 TUTELA CONTRA AUTO INTERLOCUTORIO-Procedencia excepcional \u00a0 \u00a0 El concepto de providencia judicial en el marco de la doctrina de la procedencia \u00a0 de la acci\u00f3n de tutela contra providencias judiciales, comprende tanto las \u00a0 sentencias como los autos que son proferidos por las autoridades judiciales. Sin \u00a0 embargo, en materia de decisiones adoptadas en autos, la Corte ha se\u00f1alado que \u00a0 \u00e9stas, por regla general, deben ser discutidas por medio de los recursos \u00a0 ordinarios ...<br \/><div class=\"pt-cv-rmwrap\"><a href=\"https:\/\/www.dmsjuridica.com\/buscador_20179478954\/corteconstitucionalcronologico202454587\/t-599-13\/\" class=\"_self pt-cv-readmore btn btn-success\" target=\"_self\">Ver Sentencia Completa...<\/a><\/div><\/div><\/div><\/div>\n<div class=\"col-md-12 col-sm-12 col-xs-12 pt-cv-content-item pt-cv-1-col\" ><div class='pt-cv-ifield'><a href=\"https:\/\/www.dmsjuridica.com\/buscador_20179478954\/corteconstitucionalcronologico202454587\/t-598-13\/\" class=\"_self pt-cv-href-thumbnail pt-cv-thumb-default\" target=\"_self\" ><\/a>\n<div class=\"pt-cv-taxoterm above_title\"><a href='https:\/\/www.dmsjuridica.com\/buscador_20179478954\/corteconstitucionalcronologico202454587\/category\/buscar-en-toda-la-corte\/2013\/tutelas-2013\/' title='Tutelas 2013' class='pt-cv-tax-tutelas-2013'>Tutelas 2013<\/a><\/div>\n<h4 class=\"pt-cv-title\"><a href=\"https:\/\/www.dmsjuridica.com\/buscador_20179478954\/corteconstitucionalcronologico202454587\/t-598-13\/\" class=\"_self\" target=\"_self\" >T-598-13<\/a><\/h4>\n<div class=\"pt-cv-content\">\u00a0 \u00a0 \u00a0 \u00a0 \u00a0 \u00a0T-598-13 \u00a0 \u00a0 \u00a0 \u00a0 \u00a0 \u00a0\u00a0 Sentencia \u00a0 T-598\/13 \u00a0 \u00a0 PERSONAS CON DISCAPACIDAD COMO SUJETOS DE ESPECIAL PROTECCION CONSTITUCIONAL-Protecci\u00f3n \u00a0 nacional e internacional \u00a0 \u00a0 La Constituci\u00f3n \u00a0 Pol\u00edtica de 1991, los instrumentos internacionales sobre derechos humanos, las \u00a0 disposiciones legales y la jurisprudencia constitucional de esta Corporaci\u00f3n, han reconocido \u00a0 que debido a la discriminaci\u00f3n hist\u00f3rica a la que han sido sometidas las \u00a0 personas en situaci\u00f3n de discapacidad y dada su especial condici\u00f3n, el Estado \u00a0 tiene el deber de crear acciones efectivas para desarrollar cabalmente el \u00a0 postulado del derecho ...<br \/><div class=\"pt-cv-rmwrap\"><a href=\"https:\/\/www.dmsjuridica.com\/buscador_20179478954\/corteconstitucionalcronologico202454587\/t-598-13\/\" class=\"_self pt-cv-readmore btn btn-success\" target=\"_self\">Ver Sentencia Completa...<\/a><\/div><\/div><\/div><\/div>\n<div class=\"col-md-12 col-sm-12 col-xs-12 pt-cv-content-item pt-cv-1-col\" ><div class='pt-cv-ifield'><a href=\"https:\/\/www.dmsjuridica.com\/buscador_20179478954\/corteconstitucionalcronologico202454587\/t-597-13\/\" class=\"_self pt-cv-href-thumbnail pt-cv-thumb-default\" target=\"_self\" ><\/a>\n<div class=\"pt-cv-taxoterm above_title\"><a href='https:\/\/www.dmsjuridica.com\/buscador_20179478954\/corteconstitucionalcronologico202454587\/category\/buscar-en-toda-la-corte\/2013\/tutelas-2013\/' title='Tutelas 2013' class='pt-cv-tax-tutelas-2013'>Tutelas 2013<\/a><\/div>\n<h4 class=\"pt-cv-title\"><a href=\"https:\/\/www.dmsjuridica.com\/buscador_20179478954\/corteconstitucionalcronologico202454587\/t-597-13\/\" class=\"_self\" target=\"_self\" >T-597-13<\/a><\/h4>\n<div class=\"pt-cv-content\">\u00a0 \u00a0 \u00a0 \u00a0 \u00a0 \u00a0T-597-13 \u00a0 \u00a0 \u00a0 \u00a0 \u00a0 \u00a0\u00a0 Sentencia T-597\/13 \u00a0 \u00a0 DERECHO A LA \u00a0 SEGURIDAD SOCIAL-Consagraci\u00f3n \u00a0 constitucional \u00a0 \u00a0 Dentro del marco \u00a0 constitucional, el art\u00edculo 48 consagra el derecho \u00a0 fundamental a la seguridad social y, en particular, refiere al derecho a la \u00a0 seguridad social en pensiones. Conforme a tal disposici\u00f3n, la seguridad social es (i) un servicio p\u00fablico de \u00a0 car\u00e1cter obligatorio, cuya cobertura se debe ampliar progresivamente y se \u00a0 encuentra bajo la direcci\u00f3n, coordinaci\u00f3n y control del Estado y, (ii) un \u00a0 derecho irrenunciable que se garantiza a ...<br \/><div class=\"pt-cv-rmwrap\"><a href=\"https:\/\/www.dmsjuridica.com\/buscador_20179478954\/corteconstitucionalcronologico202454587\/t-597-13\/\" class=\"_self pt-cv-readmore btn btn-success\" target=\"_self\">Ver Sentencia Completa...<\/a><\/div><\/div><\/div><\/div>\n<div class=\"col-md-12 col-sm-12 col-xs-12 pt-cv-content-item pt-cv-1-col\" ><div class='pt-cv-ifield'><a href=\"https:\/\/www.dmsjuridica.com\/buscador_20179478954\/corteconstitucionalcronologico202454587\/t-596-13\/\" class=\"_self pt-cv-href-thumbnail pt-cv-thumb-default\" target=\"_self\" ><\/a>\n<div class=\"pt-cv-taxoterm above_title\"><a href='https:\/\/www.dmsjuridica.com\/buscador_20179478954\/corteconstitucionalcronologico202454587\/category\/buscar-en-toda-la-corte\/2013\/tutelas-2013\/' title='Tutelas 2013' class='pt-cv-tax-tutelas-2013'>Tutelas 2013<\/a><\/div>\n<h4 class=\"pt-cv-title\"><a href=\"https:\/\/www.dmsjuridica.com\/buscador_20179478954\/corteconstitucionalcronologico202454587\/t-596-13\/\" class=\"_self\" target=\"_self\" >T-596-13<\/a><\/h4>\n<div class=\"pt-cv-content\">\u00a0 \u00a0 \u00a0 \u00a0 \u00a0 \u00a0T-596-13 \u00a0 \u00a0 \u00a0 \u00a0 \u00a0 \u00a0\u00a0 Sentencia \u00a0 T-596\/13 \u00a0 \u00a0 \u00a0 DERECHO FUNDAMENTAL A LA SEGURIDAD SOCIAL Y PROTECCION \u00a0 POR MEDIO DE ACCION DE TUTELA-Reiteraci\u00f3n \u00a0 de jurisprudencia \u00a0 \u00a0 Conforme a la \u00a0 jurisprudencia constitucional, el derecho a la seguridad social es un real \u00a0 derecho fundamental cuya efectividad se deriva \u201cde (i) su car\u00e1cter \u00a0 irrenunciable, (ii) su reconocimiento como tal en los convenios y tratados \u00a0 internacionales ratificados por el Estado colombiano en la materia y (iii) de su \u00a0 prestaci\u00f3n como servicio p\u00fablico en concordancia con el principio ...<br \/><div class=\"pt-cv-rmwrap\"><a href=\"https:\/\/www.dmsjuridica.com\/buscador_20179478954\/corteconstitucionalcronologico202454587\/t-596-13\/\" class=\"_self pt-cv-readmore btn btn-success\" target=\"_self\">Ver Sentencia Completa...<\/a><\/div><\/div><\/div><\/div>\n<div class=\"col-md-12 col-sm-12 col-xs-12 pt-cv-content-item pt-cv-1-col\" ><div class='pt-cv-ifield'><a href=\"https:\/\/www.dmsjuridica.com\/buscador_20179478954\/corteconstitucionalcronologico202454587\/t-595-13\/\" class=\"_self pt-cv-href-thumbnail pt-cv-thumb-default\" target=\"_self\" ><\/a>\n<div class=\"pt-cv-taxoterm above_title\"><a href='https:\/\/www.dmsjuridica.com\/buscador_20179478954\/corteconstitucionalcronologico202454587\/category\/buscar-en-toda-la-corte\/2013\/tutelas-2013\/' title='Tutelas 2013' class='pt-cv-tax-tutelas-2013'>Tutelas 2013<\/a><\/div>\n<h4 class=\"pt-cv-title\"><a href=\"https:\/\/www.dmsjuridica.com\/buscador_20179478954\/corteconstitucionalcronologico202454587\/t-595-13\/\" class=\"_self\" target=\"_self\" >T-595-13<\/a><\/h4>\n<div class=\"pt-cv-content\">\u00a0 \u00a0 \u00a0 \u00a0 \u00a0 \u00a0T-595-13 \u00a0 \u00a0 \u00a0 \u00a0 \u00a0 \u00a0\u00a0 Sentencia T-595\/13 \u00a0 \u00a0 DERECHOS DE LAS VICTIMAS A LA VERDAD \u00a0 JUSTICIA Y REPARACION-Protecci\u00f3n \u00a0 integral \u00a0 \u00a0 DERECHOS DE LAS VICTIMAS A LA VERDAD, A LA \u00a0 JUSTICIA Y A LA REPARACION INTEGRAL EN EL MARCO DEL DERECHO INTERNACIONAL DE \u00a0 DERECHOS HUMANOS-Contenido \u00a0 y alcance \u00a0 \u00a0 La Corte \u00a0 Interamericana de Derechos Humanos ha desarrollado una prolija, pac\u00edfica y \u00a0 reiterada jurisprudencia en materia de reconocimiento y protecci\u00f3n de los \u00a0 derechos de las v\u00edctimas de graves violaciones de los derechos humanos \u00a0 consagrados ...<br \/><div class=\"pt-cv-rmwrap\"><a href=\"https:\/\/www.dmsjuridica.com\/buscador_20179478954\/corteconstitucionalcronologico202454587\/t-595-13\/\" class=\"_self pt-cv-readmore btn btn-success\" target=\"_self\">Ver Sentencia Completa...<\/a><\/div><\/div><\/div><\/div>\n<div class=\"col-md-12 col-sm-12 col-xs-12 pt-cv-content-item pt-cv-1-col\" ><div class='pt-cv-ifield'><a href=\"https:\/\/www.dmsjuridica.com\/buscador_20179478954\/corteconstitucionalcronologico202454587\/t-594-13\/\" class=\"_self pt-cv-href-thumbnail pt-cv-thumb-default\" target=\"_self\" ><\/a>\n<div class=\"pt-cv-taxoterm above_title\"><a href='https:\/\/www.dmsjuridica.com\/buscador_20179478954\/corteconstitucionalcronologico202454587\/category\/buscar-en-toda-la-corte\/2013\/tutelas-2013\/' title='Tutelas 2013' class='pt-cv-tax-tutelas-2013'>Tutelas 2013<\/a><\/div>\n<h4 class=\"pt-cv-title\"><a href=\"https:\/\/www.dmsjuridica.com\/buscador_20179478954\/corteconstitucionalcronologico202454587\/t-594-13\/\" class=\"_self\" target=\"_self\" >T-594-13<\/a><\/h4>\n<div class=\"pt-cv-content\">\u00a0 \u00a0 \u00a0 \u00a0 \u00a0 \u00a0T-594-13 \u00a0 \u00a0 \u00a0 \u00a0 \u00a0 \u00a0\u00a0 Sentencia T-594\/13 \u00a0 \u00a0 DERECHO FUNDAMENTAL A LA SALUD-Comprende, entre otros, el derecho a acceder a \u00a0 servicios de salud de manera oportuna, eficaz y con calidad \u00a0 \u00a0 DERECHO A LA DIGNIDAD HUMANA-Fundamental \u00a0 \u00a0 JUSTICIABILIDAD DE LOS DERECHOS FUNDAMENTALES Y SU EXIGIBILIDAD EN LA \u00a0 JURISPRUDENCIA CONSTITUCIONAL-Alcance \u00a0 \u00a0 La acci\u00f3n de \u00a0 tutela es prima facie procedente para (i) salvaguardar todas las facetas \u00a0 negativas del derecho; (ii) garantizar aquellas facetas positivas que no suponen \u00a0 altas erogaciones; (iii) asegurar las dimensiones que han sido ...<br \/><div class=\"pt-cv-rmwrap\"><a href=\"https:\/\/www.dmsjuridica.com\/buscador_20179478954\/corteconstitucionalcronologico202454587\/t-594-13\/\" class=\"_self pt-cv-readmore btn btn-success\" target=\"_self\">Ver Sentencia Completa...<\/a><\/div><\/div><\/div><\/div>\n<div class=\"col-md-12 col-sm-12 col-xs-12 pt-cv-content-item pt-cv-1-col\" ><div class='pt-cv-ifield'><a href=\"https:\/\/www.dmsjuridica.com\/buscador_20179478954\/corteconstitucionalcronologico202454587\/t-593-13\/\" class=\"_self pt-cv-href-thumbnail pt-cv-thumb-default\" target=\"_self\" ><\/a>\n<div class=\"pt-cv-taxoterm above_title\"><a href='https:\/\/www.dmsjuridica.com\/buscador_20179478954\/corteconstitucionalcronologico202454587\/category\/buscar-en-toda-la-corte\/2013\/tutelas-2013\/' title='Tutelas 2013' class='pt-cv-tax-tutelas-2013'>Tutelas 2013<\/a><\/div>\n<h4 class=\"pt-cv-title\"><a href=\"https:\/\/www.dmsjuridica.com\/buscador_20179478954\/corteconstitucionalcronologico202454587\/t-593-13\/\" class=\"_self\" target=\"_self\" >T-593-13<\/a><\/h4>\n<div class=\"pt-cv-content\">\u00a0 \u00a0 \u00a0 \u00a0 \u00a0 \u00a0T-593-13 \u00a0 \u00a0 \u00a0 \u00a0 \u00a0 \u00a0\u00a0 Sentencia T-593\/13 \u00a0 \u00a0 (Bogot\u00e1 D. C., \u00a0 Agosto 30) \u00a0 \u00a0 ACCION DE TUTELA DE SOLDADO \u00a0 RETIRADO-Improcedencia por cuanto el accionante cuenta con otro medio de \u00a0 defensa judicial y no acredit\u00f3 perjuicio irremediable \u00a0 \u00a0 No procede la \u00a0 tutela presentada por el accionante contra el Ej\u00e9rcito Nacional, pues no se \u00a0 cumple con el requisito de subsidiariedad de la acci\u00f3n de tutela, toda vez que \u00a0 el peticionario cuenta con otro mecanismo judicial de defensa eficaz para \u00a0 controvertir el acto administrativo que orden\u00f3 ...<br \/><div class=\"pt-cv-rmwrap\"><a href=\"https:\/\/www.dmsjuridica.com\/buscador_20179478954\/corteconstitucionalcronologico202454587\/t-593-13\/\" class=\"_self pt-cv-readmore btn btn-success\" target=\"_self\">Ver Sentencia Completa...<\/a><\/div><\/div><\/div><\/div>\n<div class=\"col-md-12 col-sm-12 col-xs-12 pt-cv-content-item pt-cv-1-col\" ><div class='pt-cv-ifield'><a href=\"https:\/\/www.dmsjuridica.com\/buscador_20179478954\/corteconstitucionalcronologico202454587\/t-592-13\/\" class=\"_self pt-cv-href-thumbnail pt-cv-thumb-default\" target=\"_self\" ><\/a>\n<div class=\"pt-cv-taxoterm above_title\"><a href='https:\/\/www.dmsjuridica.com\/buscador_20179478954\/corteconstitucionalcronologico202454587\/category\/buscar-en-toda-la-corte\/2013\/tutelas-2013\/' title='Tutelas 2013' class='pt-cv-tax-tutelas-2013'>Tutelas 2013<\/a><\/div>\n<h4 class=\"pt-cv-title\"><a href=\"https:\/\/www.dmsjuridica.com\/buscador_20179478954\/corteconstitucionalcronologico202454587\/t-592-13\/\" class=\"_self\" target=\"_self\" >T-592-13<\/a><\/h4>\n<div class=\"pt-cv-content\">\u00a0 \u00a0 \u00a0 \u00a0 \u00a0 \u00a0T-592-13 \u00a0 \u00a0 \u00a0 \u00a0 \u00a0 \u00a0\u00a0 Sentencia T-592\/13 \u00a0 \u00a0 (Bogot\u00e1, D.C., \u00a0 agosto 30) \u00a0 \u00a0 ACCION DE TUTELA CONTRA \u00a0 ALCALDIA-Procedencia para obtener certificaci\u00f3n laboral para la emisi\u00f3n del \u00a0 bono pensional \u00a0 \u00a0 DERECHO FUNDAMENTAL AL HABEAS \u00a0 DATA-Vulneraci\u00f3n cuando empleador niega la expedici\u00f3n del certificado \u00a0 laboral para expedici\u00f3n del bono pensional \u00a0 \u00a0 DERECHO AL HABEAS DATA-Alcance \u00a0 y contenido \u00a0 \u00a0 DERECHO AL HABEAS DATA EN \u00a0 TRATAMIENTO DE DATOS PERSONALES-Principios y garant\u00edas constitucionales\/DEBER \u00a0 CONSTITUCIONAL DE LA DEBIDA GESTION Y ADMINISTRACION DE ARCHIVOS \u00a0 \u00a0 Para la ...<br \/><div class=\"pt-cv-rmwrap\"><a href=\"https:\/\/www.dmsjuridica.com\/buscador_20179478954\/corteconstitucionalcronologico202454587\/t-592-13\/\" class=\"_self pt-cv-readmore btn btn-success\" target=\"_self\">Ver Sentencia Completa...<\/a><\/div><\/div><\/div><\/div>\n<div class=\"col-md-12 col-sm-12 col-xs-12 pt-cv-content-item pt-cv-1-col\" ><div class='pt-cv-ifield'><a href=\"https:\/\/www.dmsjuridica.com\/buscador_20179478954\/corteconstitucionalcronologico202454587\/t-591-13\/\" class=\"_self pt-cv-href-thumbnail pt-cv-thumb-default\" target=\"_self\" ><\/a>\n<div class=\"pt-cv-taxoterm above_title\"><a href='https:\/\/www.dmsjuridica.com\/buscador_20179478954\/corteconstitucionalcronologico202454587\/category\/buscar-en-toda-la-corte\/2013\/tutelas-2013\/' title='Tutelas 2013' class='pt-cv-tax-tutelas-2013'>Tutelas 2013<\/a><\/div>\n<h4 class=\"pt-cv-title\"><a href=\"https:\/\/www.dmsjuridica.com\/buscador_20179478954\/corteconstitucionalcronologico202454587\/t-591-13\/\" class=\"_self\" target=\"_self\" >T-591-13<\/a><\/h4>\n<div class=\"pt-cv-content\">\u00a0 \u00a0 \u00a0 \u00a0 \u00a0 \u00a0T-591-13 \u00a0 \u00a0 \u00a0 \u00a0 \u00a0 \u00a0\u00a0 \u00a0\u00a0\u00a0\u00a0\u00a0\u00a0\u00a0\u00a0\u00a0\u00a0\u00a0\u00a0\u00a0\u00a0\u00a0\u00a0\u00a0\u00a0\u00a0\u00a0\u00a0\u00a0\u00a0\u00a0\u00a0\u00a0\u00a0\u00a0\u00a0\u00a0\u00a0\u00a0\u00a0\u00a0\u00a0\u00a0\u00a0\u00a0\u00a0\u00a0\u00a0\u00a0 Sentencia T-591\/13 \u00a0 \u00a0 (Bogot\u00e1, D.C., agosto 30) \u00a0 \u00a0 DERECHO A LA SEGURIDAD PERSONAL-Obligaciones constitucionales b\u00e1sicas de las \u00a0 autoridades para preservarlo \u00a0 \u00a0 La seguridad debe ser entendida como valor constitucional, derecho colectivo y \u00a0 fundamental, precis\u00e1ndose respecto de este \u00faltimo, que se constituye en una \u00a0 garant\u00eda que debe ser preservada por el Estado, no circunscribi\u00e9ndose su \u00e1mbito \u00a0 de protecci\u00f3n a las personas privadas de la libertad, sino que tambi\u00e9n se \u00a0 extiende a los dem\u00e1s bienes jur\u00eddicos que en un momento determinado ...<br \/><div class=\"pt-cv-rmwrap\"><a href=\"https:\/\/www.dmsjuridica.com\/buscador_20179478954\/corteconstitucionalcronologico202454587\/t-591-13\/\" class=\"_self pt-cv-readmore btn btn-success\" target=\"_self\">Ver Sentencia Completa...<\/a><\/div><\/div><\/div><\/div>\n<div class=\"col-md-12 col-sm-12 col-xs-12 pt-cv-content-item pt-cv-1-col\" ><div class='pt-cv-ifield'><a href=\"https:\/\/www.dmsjuridica.com\/buscador_20179478954\/corteconstitucionalcronologico202454587\/t-590-13\/\" class=\"_self pt-cv-href-thumbnail pt-cv-thumb-default\" target=\"_self\" ><\/a>\n<div class=\"pt-cv-taxoterm above_title\"><a href='https:\/\/www.dmsjuridica.com\/buscador_20179478954\/corteconstitucionalcronologico202454587\/category\/buscar-en-toda-la-corte\/2013\/tutelas-2013\/' title='Tutelas 2013' class='pt-cv-tax-tutelas-2013'>Tutelas 2013<\/a><\/div>\n<h4 class=\"pt-cv-title\"><a href=\"https:\/\/www.dmsjuridica.com\/buscador_20179478954\/corteconstitucionalcronologico202454587\/t-590-13\/\" class=\"_self\" target=\"_self\" >T-590-13<\/a><\/h4>\n<div class=\"pt-cv-content\">\u00a0 \u00a0 \u00a0 \u00a0 \u00a0 \u00a0T-590-13 \u00a0 \u00a0 \u00a0 \u00a0 \u00a0 \u00a0\u00a0 Sentencia \u00a0 T-590\/13 \u00a0 \u00a0 ACCION DE TUTELA PARA RECONOCIMIENTO DE PENSION DE VEJEZ-Improcedencia por \u00a0 no afectar derechos fundamentales y por no haber agotado los medios ordinarios \u00a0 de defensa \u00a0 \u00a0 En el presente \u00a0 asunto la tutelante dispone de otros medios de defensa judicial ante la \u00a0 jurisdicci\u00f3n contenciosa administrativa, para la protecci\u00f3n de sus derechos. Por \u00a0 ello, es preciso verificar si los medios de defensa ordinarios resultan inocuos \u00a0 o ineficaces para que proceda la acci\u00f3n como mecanismo principal, o si est\u00e1 \u00a0 ...<br \/><div class=\"pt-cv-rmwrap\"><a href=\"https:\/\/www.dmsjuridica.com\/buscador_20179478954\/corteconstitucionalcronologico202454587\/t-590-13\/\" class=\"_self pt-cv-readmore btn btn-success\" target=\"_self\">Ver Sentencia Completa...<\/a><\/div><\/div><\/div><\/div>\n<div class=\"col-md-12 col-sm-12 col-xs-12 pt-cv-content-item pt-cv-1-col\" ><div class='pt-cv-ifield'><a href=\"https:\/\/www.dmsjuridica.com\/buscador_20179478954\/corteconstitucionalcronologico202454587\/t-589-13\/\" class=\"_self pt-cv-href-thumbnail pt-cv-thumb-default\" target=\"_self\" ><\/a>\n<div class=\"pt-cv-taxoterm above_title\"><a href='https:\/\/www.dmsjuridica.com\/buscador_20179478954\/corteconstitucionalcronologico202454587\/category\/buscar-en-toda-la-corte\/2013\/tutelas-2013\/' title='Tutelas 2013' class='pt-cv-tax-tutelas-2013'>Tutelas 2013<\/a><\/div>\n<h4 class=\"pt-cv-title\"><a href=\"https:\/\/www.dmsjuridica.com\/buscador_20179478954\/corteconstitucionalcronologico202454587\/t-589-13\/\" class=\"_self\" target=\"_self\" >T-589-13<\/a><\/h4>\n<div class=\"pt-cv-content\">\u00a0 \u00a0 \u00a0 \u00a0 \u00a0 \u00a0T-589-13 \u00a0 \u00a0 \u00a0 \u00a0 \u00a0 \u00a0\u00a0 Sentencia T-589\/13 \u00a0 \u00a0\u00a0 DERECHO A LA UNIDAD FAMILIAR DEL INTERNO-Cuando \u00a0 es trasladado a un lugar lejano de sus hijos menores de edad \u00a0 \u00a0 De conformidad con la jurisprudencia de esta \u00a0 Corporaci\u00f3n si bien el INPEC tiene la facultad de trasladar a los reclusos, \u00e9sta \u00a0 tiene como l\u00edmite los derechos a la unidad familiar y a la protecci\u00f3n especial \u00a0 de los ni\u00f1os. Es decir que cuando se toma la decisi\u00f3n del traslado se debe \u00a0 considerar si con ella se afecta el derecho ...<br \/><div class=\"pt-cv-rmwrap\"><a href=\"https:\/\/www.dmsjuridica.com\/buscador_20179478954\/corteconstitucionalcronologico202454587\/t-589-13\/\" class=\"_self pt-cv-readmore btn btn-success\" target=\"_self\">Ver Sentencia Completa...<\/a><\/div><\/div><\/div><\/div>\n<div class=\"col-md-12 col-sm-12 col-xs-12 pt-cv-content-item pt-cv-1-col\" ><div class='pt-cv-ifield'><a href=\"https:\/\/www.dmsjuridica.com\/buscador_20179478954\/corteconstitucionalcronologico202454587\/t-588-13\/\" class=\"_self pt-cv-href-thumbnail pt-cv-thumb-default\" target=\"_self\" ><\/a>\n<div class=\"pt-cv-taxoterm above_title\"><a href='https:\/\/www.dmsjuridica.com\/buscador_20179478954\/corteconstitucionalcronologico202454587\/category\/buscar-en-toda-la-corte\/2013\/tutelas-2013\/' title='Tutelas 2013' class='pt-cv-tax-tutelas-2013'>Tutelas 2013<\/a><\/div>\n<h4 class=\"pt-cv-title\"><a href=\"https:\/\/www.dmsjuridica.com\/buscador_20179478954\/corteconstitucionalcronologico202454587\/t-588-13\/\" class=\"_self\" target=\"_self\" >T-588-13<\/a><\/h4>\n<div class=\"pt-cv-content\">\u00a0 \u00a0 \u00a0 \u00a0 \u00a0 \u00a0T-588-13 \u00a0 \u00a0 \u00a0 \u00a0 \u00a0 \u00a0\u00a0 DERECHO FUNDAMENTAL A LA \u00a0 VIVIENDA DIGNA DE POBLACION DESPLAZADA-Procedencia de la acci\u00f3n de tutela \u00a0 \u00a0 Seg\u00fan la jurisprudencia de la Corte, el mecanismo judicial \u00a0 pertinente e id\u00f3neo para invocar la protecci\u00f3n de los derechos fundamentales de \u00a0 la poblaci\u00f3n desplazada es la acci\u00f3n de tutela. A tal conclusi\u00f3n se \u00a0 ha llegado debido a la especial protecci\u00f3n que ostentan las personas que han \u00a0 tenido que abandonarlo todo por la violencia que aqueja al pa\u00eds, lo que ha hecho \u00a0 que se predique que son ...<br \/><div class=\"pt-cv-rmwrap\"><a href=\"https:\/\/www.dmsjuridica.com\/buscador_20179478954\/corteconstitucionalcronologico202454587\/t-588-13\/\" class=\"_self pt-cv-readmore btn btn-success\" target=\"_self\">Ver Sentencia Completa...<\/a><\/div><\/div><\/div><\/div>\n<div class=\"col-md-12 col-sm-12 col-xs-12 pt-cv-content-item pt-cv-1-col\" ><div class='pt-cv-ifield'><a href=\"https:\/\/www.dmsjuridica.com\/buscador_20179478954\/corteconstitucionalcronologico202454587\/t-587-13\/\" class=\"_self pt-cv-href-thumbnail pt-cv-thumb-default\" target=\"_self\" ><\/a>\n<div class=\"pt-cv-taxoterm above_title\"><a href='https:\/\/www.dmsjuridica.com\/buscador_20179478954\/corteconstitucionalcronologico202454587\/category\/buscar-en-toda-la-corte\/2013\/tutelas-2013\/' title='Tutelas 2013' class='pt-cv-tax-tutelas-2013'>Tutelas 2013<\/a><\/div>\n<h4 class=\"pt-cv-title\"><a href=\"https:\/\/www.dmsjuridica.com\/buscador_20179478954\/corteconstitucionalcronologico202454587\/t-587-13\/\" class=\"_self\" target=\"_self\" >T-587-13<\/a><\/h4>\n<div class=\"pt-cv-content\">\u00a0 \u00a0 \u00a0 \u00a0 \u00a0 \u00a0T-587-13 \u00a0 \u00a0 \u00a0 \u00a0 \u00a0 \u00a0\u00a0 Sentencia T-587\/13 \u00a0 \u00a0 AGENCIA OFICIOSA \u00a0 DE PERSONAS QUE SE ENCUENTRAN PRESTANDO SERVICIO MILITAR OBLIGATORIO-Requisitos para \u00a0 determinar la legitimidad del padre o madre del hijo que presta el servicio \u00a0 militar \u00a0 \u00a0 Cuando se trata de la protecci\u00f3n de los derechos de las personas que se \u00a0 encuentran prestando el servicio militar obligatorio,\u00a0 la jurisprudencia \u00a0 constitucional ha \u00a0establecido que para determinar la legitimidad del padre o madre que interponen \u00a0 acci\u00f3n de tutela en calidad de agente oficioso de su hijo mayor de edad ...<br \/><div class=\"pt-cv-rmwrap\"><a href=\"https:\/\/www.dmsjuridica.com\/buscador_20179478954\/corteconstitucionalcronologico202454587\/t-587-13\/\" class=\"_self pt-cv-readmore btn btn-success\" target=\"_self\">Ver Sentencia Completa...<\/a><\/div><\/div><\/div><\/div>\n<div class=\"col-md-12 col-sm-12 col-xs-12 pt-cv-content-item pt-cv-1-col\" ><div class='pt-cv-ifield'><a href=\"https:\/\/www.dmsjuridica.com\/buscador_20179478954\/corteconstitucionalcronologico202454587\/t-586-13\/\" class=\"_self pt-cv-href-thumbnail pt-cv-thumb-default\" target=\"_self\" ><\/a>\n<div class=\"pt-cv-taxoterm above_title\"><a href='https:\/\/www.dmsjuridica.com\/buscador_20179478954\/corteconstitucionalcronologico202454587\/category\/buscar-en-toda-la-corte\/2013\/tutelas-2013\/' title='Tutelas 2013' class='pt-cv-tax-tutelas-2013'>Tutelas 2013<\/a><\/div>\n<h4 class=\"pt-cv-title\"><a href=\"https:\/\/www.dmsjuridica.com\/buscador_20179478954\/corteconstitucionalcronologico202454587\/t-586-13\/\" class=\"_self\" target=\"_self\" >T-586-13<\/a><\/h4>\n<div class=\"pt-cv-content\">\u00a0 \u00a0 \u00a0 \u00a0 \u00a0 \u00a0T-586-13 \u00a0 \u00a0 \u00a0 \u00a0 \u00a0 \u00a0\u00a0 Sentencia T-586\/13 \u00a0 \u00a0 DERECHO FUNDAMENTAL A LA SALUD DE LOS NI\u00d1OS Y NI\u00d1AS CON DISCAPACIDAD-Protecci\u00f3n \u00a0 por tutela \u00a0 \u00a0 La acci\u00f3n de tutela para proteger los derechos de los ni\u00f1os se considera \u00a0 procedente, en tanto que forman parte de aquel grupo de personas a las que por \u00a0 mandato constitucional el Estado debe una especial \u00a0 protecci\u00f3n, estando en la obligaci\u00f3n de adelantar una pol\u00edtica de \u00a0 especial atenci\u00f3n hacia ellos. La procedencia de la tutela es mucho m\u00e1s evidente \u00a0 si se advierte que ...<br \/><div class=\"pt-cv-rmwrap\"><a href=\"https:\/\/www.dmsjuridica.com\/buscador_20179478954\/corteconstitucionalcronologico202454587\/t-586-13\/\" class=\"_self pt-cv-readmore btn btn-success\" target=\"_self\">Ver Sentencia Completa...<\/a><\/div><\/div><\/div><\/div>\n<div class=\"col-md-12 col-sm-12 col-xs-12 pt-cv-content-item pt-cv-1-col\" ><div class='pt-cv-ifield'><a href=\"https:\/\/www.dmsjuridica.com\/buscador_20179478954\/corteconstitucionalcronologico202454587\/t-585-13\/\" class=\"_self pt-cv-href-thumbnail pt-cv-thumb-default\" target=\"_self\" ><\/a>\n<div class=\"pt-cv-taxoterm above_title\"><a href='https:\/\/www.dmsjuridica.com\/buscador_20179478954\/corteconstitucionalcronologico202454587\/category\/buscar-en-toda-la-corte\/2013\/tutelas-2013\/' title='Tutelas 2013' class='pt-cv-tax-tutelas-2013'>Tutelas 2013<\/a><\/div>\n<h4 class=\"pt-cv-title\"><a href=\"https:\/\/www.dmsjuridica.com\/buscador_20179478954\/corteconstitucionalcronologico202454587\/t-585-13\/\" class=\"_self\" target=\"_self\" >T-585-13<\/a><\/h4>\n<div class=\"pt-cv-content\">\u00a0 \u00a0 \u00a0 \u00a0 \u00a0 \u00a0T-585-13 \u00a0 \u00a0 \u00a0 \u00a0 \u00a0 \u00a0\u00a0 Sentencia T-585\/13 \u00a0 \u00a0 AUTONOMIA DE \u00a0 LA VOLUNTAD PRIVADA-Alcance respecto a la actividad financiera \u00a0 \u00a0 Seg\u00fan lo previsto en la Constituci\u00f3n de 1991, la concepci\u00f3n de la autonom\u00eda de \u00a0 la voluntad privada, supone la existencia de un poder dispositivo de regulaci\u00f3n, \u00a0 pero sometido a la intervenci\u00f3n normativa del Estado, de suerte que, lejos de \u00a0 entra\u00f1ar un poder absoluto e ilimitado de regulaci\u00f3n de los intereses de los \u00a0 particulares, est\u00e1 sujeto a la realizaci\u00f3n de la funci\u00f3n social de la propiedad \u00a0 privada ...<br \/><div class=\"pt-cv-rmwrap\"><a href=\"https:\/\/www.dmsjuridica.com\/buscador_20179478954\/corteconstitucionalcronologico202454587\/t-585-13\/\" class=\"_self pt-cv-readmore btn btn-success\" target=\"_self\">Ver Sentencia Completa...<\/a><\/div><\/div><\/div><\/div>\n<div class=\"col-md-12 col-sm-12 col-xs-12 pt-cv-content-item pt-cv-1-col\" ><div class='pt-cv-ifield'><a href=\"https:\/\/www.dmsjuridica.com\/buscador_20179478954\/corteconstitucionalcronologico202454587\/t-584-13\/\" class=\"_self pt-cv-href-thumbnail pt-cv-thumb-default\" target=\"_self\" ><\/a>\n<div class=\"pt-cv-taxoterm above_title\"><a href='https:\/\/www.dmsjuridica.com\/buscador_20179478954\/corteconstitucionalcronologico202454587\/category\/buscar-en-toda-la-corte\/2013\/tutelas-2013\/' title='Tutelas 2013' class='pt-cv-tax-tutelas-2013'>Tutelas 2013<\/a><\/div>\n<h4 class=\"pt-cv-title\"><a href=\"https:\/\/www.dmsjuridica.com\/buscador_20179478954\/corteconstitucionalcronologico202454587\/t-584-13\/\" class=\"_self\" target=\"_self\" >T-584-13<\/a><\/h4>\n<div class=\"pt-cv-content\">\u00a0 \u00a0 \u00a0 \u00a0 \u00a0 \u00a0T-584-13 \u00a0 \u00a0 \u00a0 \u00a0 \u00a0 \u00a0\u00a0 Sentencia T-584\/13 \u00a0 \u00a0 ACCION DE TUTELA PARA REEMBOLSO DE GASTOS MEDICOS-Procedencia excepcional \u00a0 \u00a0 La jurisprudencia de esta \u00a0 Corporaci\u00f3n ha establecido que la acci\u00f3n de tutela, en raz\u00f3n de su naturaleza \u00a0 subsidiaria y residual, no es en principio el mecanismo id\u00f3neo para solicitar el \u00a0 reembolso de prestaciones econ\u00f3micas por servicios m\u00e9dicos brindados cuando la \u00a0 atenci\u00f3n ya ha sido suministrada, quedando garantizada la protecci\u00f3n del derecho \u00a0 a la salud. Sin embargo, esta Corte ha reconocido que hay circunstancias \u00a0 especiales que ameritan la ...<br \/><div class=\"pt-cv-rmwrap\"><a href=\"https:\/\/www.dmsjuridica.com\/buscador_20179478954\/corteconstitucionalcronologico202454587\/t-584-13\/\" class=\"_self pt-cv-readmore btn btn-success\" target=\"_self\">Ver Sentencia Completa...<\/a><\/div><\/div><\/div><\/div>\n<div class=\"col-md-12 col-sm-12 col-xs-12 pt-cv-content-item pt-cv-1-col\" ><div class='pt-cv-ifield'><a href=\"https:\/\/www.dmsjuridica.com\/buscador_20179478954\/corteconstitucionalcronologico202454587\/t-583-13\/\" class=\"_self pt-cv-href-thumbnail pt-cv-thumb-default\" target=\"_self\" ><\/a>\n<div class=\"pt-cv-taxoterm above_title\"><a href='https:\/\/www.dmsjuridica.com\/buscador_20179478954\/corteconstitucionalcronologico202454587\/category\/buscar-en-toda-la-corte\/2013\/tutelas-2013\/' title='Tutelas 2013' class='pt-cv-tax-tutelas-2013'>Tutelas 2013<\/a><\/div>\n<h4 class=\"pt-cv-title\"><a href=\"https:\/\/www.dmsjuridica.com\/buscador_20179478954\/corteconstitucionalcronologico202454587\/t-583-13\/\" class=\"_self\" target=\"_self\" >T-583-13<\/a><\/h4>\n<div class=\"pt-cv-content\">\u00a0 \u00a0 \u00a0 \u00a0 \u00a0 \u00a0T-583-13 \u00a0 \u00a0 \u00a0 \u00a0 \u00a0 \u00a0\u00a0 Sentencia \u00a0 T-583\/13 \u00a0 \u00a0 ACCION DE TUTELA Y EXISTENCIA DE OTRO MEDIO DE DEFENSA \u00a0 JUDICIAL-Procedencia excepcional para \u00a0 evitar perjuicio irremediable \u00a0 \u00a0 La Corte Constitucional ha sintetizado unas \u00a0 caracter\u00edsticas para que proceda la acci\u00f3n frente al perjuicio irremediable. En primer lugar, debe ser inminente o pr\u00f3ximo a suceder, \u00a0 acreditado ello con suficientes elementos f\u00e1cticos y tomando en cuenta, adem\u00e1s, \u00a0 el origen del da\u00f1o. En segundo lugar, el perjuicio ha de ser grave, es decir, \u00a0 que suponga un detrimento sobre un bien ...<br \/><div class=\"pt-cv-rmwrap\"><a href=\"https:\/\/www.dmsjuridica.com\/buscador_20179478954\/corteconstitucionalcronologico202454587\/t-583-13\/\" class=\"_self pt-cv-readmore btn btn-success\" target=\"_self\">Ver Sentencia Completa...<\/a><\/div><\/div><\/div><\/div>\n<div class=\"col-md-12 col-sm-12 col-xs-12 pt-cv-content-item pt-cv-1-col\" ><div class='pt-cv-ifield'><a href=\"https:\/\/www.dmsjuridica.com\/buscador_20179478954\/corteconstitucionalcronologico202454587\/t-582-13\/\" class=\"_self pt-cv-href-thumbnail pt-cv-thumb-default\" target=\"_self\" ><\/a>\n<div class=\"pt-cv-taxoterm above_title\"><a href='https:\/\/www.dmsjuridica.com\/buscador_20179478954\/corteconstitucionalcronologico202454587\/category\/buscar-en-toda-la-corte\/2013\/tutelas-2013\/' title='Tutelas 2013' class='pt-cv-tax-tutelas-2013'>Tutelas 2013<\/a><\/div>\n<h4 class=\"pt-cv-title\"><a href=\"https:\/\/www.dmsjuridica.com\/buscador_20179478954\/corteconstitucionalcronologico202454587\/t-582-13\/\" class=\"_self\" target=\"_self\" >T-582-13<\/a><\/h4>\n<div class=\"pt-cv-content\">\u00a0 \u00a0 \u00a0 \u00a0 \u00a0 \u00a0T-582-13 \u00a0 \u00a0 \u00a0 \u00a0 \u00a0 \u00a0\u00a0 Sentencia T-582\/13 \u00a0 \u00a0 ACCION DE \u00a0 TUTELA CONTRA PARTICULARES CUANDO EXISTE UNA RELACION DE INDEFENSION O \u00a0 SUBORDINACION-Jurisprudencia constitucional sobre procedencia excepcional \u00a0 \u00a0 Para que sea procedente el ejercicio de la acci\u00f3n \u00a0 constitucional, es necesario que el accionante se encuentre, frente al \u00a0 particular presuntamente trasgresor de derechos fundamentales, en situaci\u00f3n de \u00a0 desventaja originada en la subordinaci\u00f3n o en la indefensi\u00f3n. Eventos que deben \u00a0 ser analizados por el juez frente a cada caso en particular. El concepto de \u00a0 subordinaci\u00f3n, que genera la ...<br \/><div class=\"pt-cv-rmwrap\"><a href=\"https:\/\/www.dmsjuridica.com\/buscador_20179478954\/corteconstitucionalcronologico202454587\/t-582-13\/\" class=\"_self pt-cv-readmore btn btn-success\" target=\"_self\">Ver Sentencia Completa...<\/a><\/div><\/div><\/div><\/div>\n<div class=\"col-md-12 col-sm-12 col-xs-12 pt-cv-content-item pt-cv-1-col\" ><div class='pt-cv-ifield'><a href=\"https:\/\/www.dmsjuridica.com\/buscador_20179478954\/corteconstitucionalcronologico202454587\/t-578-13\/\" class=\"_self pt-cv-href-thumbnail pt-cv-thumb-default\" target=\"_self\" ><\/a>\n<div class=\"pt-cv-taxoterm above_title\"><a href='https:\/\/www.dmsjuridica.com\/buscador_20179478954\/corteconstitucionalcronologico202454587\/category\/buscar-en-toda-la-corte\/2013\/tutelas-2013\/' title='Tutelas 2013' class='pt-cv-tax-tutelas-2013'>Tutelas 2013<\/a><\/div>\n<h4 class=\"pt-cv-title\"><a href=\"https:\/\/www.dmsjuridica.com\/buscador_20179478954\/corteconstitucionalcronologico202454587\/t-578-13\/\" class=\"_self\" target=\"_self\" >T-578-13<\/a><\/h4>\n<div class=\"pt-cv-content\">\u00a0 \u00a0 \u00a0 \u00a0 \u00a0 \u00a0T-578-13 \u00a0 \u00a0 \u00a0 \u00a0 \u00a0 \u00a0\u00a0 Sentencia T-578\/13 \u00a0 \u00a0 AGENCIA OFICIOSA EN TUTELA-Elementos \u00a0 \u00a0 La Corte Constitucional, en reiterada jurisprudencia, \u00a0 ha se\u00f1alado que los elementos de la agencia oficiosa en materia de tutela son: \u00a0 i) la necesidad de que el agente oficioso manifieste expl\u00edcitamente que est\u00e1 \u00a0 actuando como tal, y ii) que el titular de los derechos invocados no se \u00a0 encuentre en condiciones para instaurar la acci\u00f3n de tutela a nombre propio. De \u00a0 all\u00ed que, en diversos casos, se hayan considerado improcedentes las acciones de \u00a0 tutelas ...<br \/><div class=\"pt-cv-rmwrap\"><a href=\"https:\/\/www.dmsjuridica.com\/buscador_20179478954\/corteconstitucionalcronologico202454587\/t-578-13\/\" class=\"_self pt-cv-readmore btn btn-success\" target=\"_self\">Ver Sentencia Completa...<\/a><\/div><\/div><\/div><\/div>\n<div class=\"col-md-12 col-sm-12 col-xs-12 pt-cv-content-item pt-cv-1-col\" ><div class='pt-cv-ifield'><a href=\"https:\/\/www.dmsjuridica.com\/buscador_20179478954\/corteconstitucionalcronologico202454587\/t-577-13\/\" class=\"_self pt-cv-href-thumbnail pt-cv-thumb-default\" target=\"_self\" ><\/a>\n<div class=\"pt-cv-taxoterm above_title\"><a href='https:\/\/www.dmsjuridica.com\/buscador_20179478954\/corteconstitucionalcronologico202454587\/category\/buscar-en-toda-la-corte\/2013\/tutelas-2013\/' title='Tutelas 2013' class='pt-cv-tax-tutelas-2013'>Tutelas 2013<\/a><\/div>\n<h4 class=\"pt-cv-title\"><a href=\"https:\/\/www.dmsjuridica.com\/buscador_20179478954\/corteconstitucionalcronologico202454587\/t-577-13\/\" class=\"_self\" target=\"_self\" >T-577-13<\/a><\/h4>\n<div class=\"pt-cv-content\">\u00a0 \u00a0 \u00a0 \u00a0 \u00a0 \u00a0T-577-13 \u00a0 \u00a0 \u00a0 \u00a0 \u00a0 \u00a0\u00a0 Sentencia T-577\/13 \u00a0 \u00a0 ACCION DE TUTELA CONTRA PROVIDENCIAS JUDICIALES-Requisitos generales y especiales de \u00a0 procedibilidad \u00a0 \u00a0 SEGURIDAD SOCIAL Y SU CONNOTACION COMO SERVICIO PUBLICO Y DERECHO \u00a0 FUNDAMENTAL \u00a0 \u00a0 El derecho a la seguridad social en materia \u00a0 pensional es concebido como un derecho fundamental irrenunciable que se hace \u00a0 efectivo por medio un conjunto de instituciones, normas y procedimientos, que \u00a0 est\u00e1n bajo la direcci\u00f3n, coordinaci\u00f3n y control del Estado. Todo esto encaminado \u00a0 a mitigar las consecuencias propias de la desocupaci\u00f3n, la vejez ...<br \/><div class=\"pt-cv-rmwrap\"><a href=\"https:\/\/www.dmsjuridica.com\/buscador_20179478954\/corteconstitucionalcronologico202454587\/t-577-13\/\" class=\"_self pt-cv-readmore btn btn-success\" target=\"_self\">Ver Sentencia Completa...<\/a><\/div><\/div><\/div><\/div>\n<div class=\"col-md-12 col-sm-12 col-xs-12 pt-cv-content-item pt-cv-1-col\" ><div class='pt-cv-ifield'><a href=\"https:\/\/www.dmsjuridica.com\/buscador_20179478954\/corteconstitucionalcronologico202454587\/t-576-13\/\" class=\"_self pt-cv-href-thumbnail pt-cv-thumb-default\" target=\"_self\" ><\/a>\n<div class=\"pt-cv-taxoterm above_title\"><a href='https:\/\/www.dmsjuridica.com\/buscador_20179478954\/corteconstitucionalcronologico202454587\/category\/buscar-en-toda-la-corte\/2013\/tutelas-2013\/' title='Tutelas 2013' class='pt-cv-tax-tutelas-2013'>Tutelas 2013<\/a><\/div>\n<h4 class=\"pt-cv-title\"><a href=\"https:\/\/www.dmsjuridica.com\/buscador_20179478954\/corteconstitucionalcronologico202454587\/t-576-13\/\" class=\"_self\" target=\"_self\" >T-576-13<\/a><\/h4>\n<div class=\"pt-cv-content\">\u00a0 \u00a0 \u00a0 \u00a0 \u00a0 \u00a0T-576-13 \u00a0 \u00a0 \u00a0 \u00a0 \u00a0 \u00a0\u00a0 Sentencia \u00a0 T-576\/13 \u00a0 \u00a0 ACCION DE \u00a0 TUTELA PARA RECLAMAR PRESTACIONES ECONOMICAS PENSIONALES-Reglas \u00a0 jurisprudenciales para la procedencia \u00a0 \u00a0 La acci\u00f3n de tutela, en principio, es improcedente para lograr el \u00a0 reconocimiento y pago de pensiones, salvo que se presente alguna de las \u00a0 siguientes condiciones: i) que la negativa al reconocimiento de la pensi\u00f3n se \u00a0 origine en actos que, en raz\u00f3n a su contradicci\u00f3n con preceptos superiores, \u00a0 puedan\u00a0desvirtuar la presunci\u00f3n de legalidad; ii) que la negativa de \u00a0 reconocimiento pensional vulnere o amenace ...<br \/><div class=\"pt-cv-rmwrap\"><a href=\"https:\/\/www.dmsjuridica.com\/buscador_20179478954\/corteconstitucionalcronologico202454587\/t-576-13\/\" class=\"_self pt-cv-readmore btn btn-success\" target=\"_self\">Ver Sentencia Completa...<\/a><\/div><\/div><\/div><\/div>\n<div class=\"col-md-12 col-sm-12 col-xs-12 pt-cv-content-item pt-cv-1-col\" ><div class='pt-cv-ifield'><a href=\"https:\/\/www.dmsjuridica.com\/buscador_20179478954\/corteconstitucionalcronologico202454587\/t-575-13\/\" class=\"_self pt-cv-href-thumbnail pt-cv-thumb-default\" target=\"_self\" ><\/a>\n<div class=\"pt-cv-taxoterm above_title\"><a href='https:\/\/www.dmsjuridica.com\/buscador_20179478954\/corteconstitucionalcronologico202454587\/category\/buscar-en-toda-la-corte\/2013\/tutelas-2013\/' title='Tutelas 2013' class='pt-cv-tax-tutelas-2013'>Tutelas 2013<\/a><\/div>\n<h4 class=\"pt-cv-title\"><a href=\"https:\/\/www.dmsjuridica.com\/buscador_20179478954\/corteconstitucionalcronologico202454587\/t-575-13\/\" class=\"_self\" target=\"_self\" >T-575-13<\/a><\/h4>\n<div class=\"pt-cv-content\">\u00a0 \u00a0 \u00a0 \u00a0 \u00a0 \u00a0T-575-13 \u00a0 \u00a0 \u00a0 \u00a0 \u00a0 \u00a0\u00a0 Sentencia T-575\/13 \u00a0 \u00a0 SUMINISTRO DE MEDICAMENTOS, TRATAMIENTOS Y \u00a0 PROCEDIMIENTOS EXCLUIDOS DEL POS-Reiteraci\u00f3n \u00a0 de jurisprudencia \u00a0 \u00a0 Existen medicamentos, insumos y servicios, en principio excluidos POS, pero que \u00a0 deben ser suministrados por las entidades promotoras de salud, como las cirug\u00edas \u00a0 cosm\u00e9ticas o est\u00e9ticas en determinadas circunstancias. Al respecto, la Corte \u00a0 Constitucional ha establecido como regla general que en aquellos casos en los \u00a0 cuales el m\u00e9dico tratante ordene servicios excluidos del Plan Obligatorio de \u00a0 Salud (POS), que sean vitales para la salud, ...<br \/><div class=\"pt-cv-rmwrap\"><a href=\"https:\/\/www.dmsjuridica.com\/buscador_20179478954\/corteconstitucionalcronologico202454587\/t-575-13\/\" class=\"_self pt-cv-readmore btn btn-success\" target=\"_self\">Ver Sentencia Completa...<\/a><\/div><\/div><\/div><\/div>\n<div class=\"col-md-12 col-sm-12 col-xs-12 pt-cv-content-item pt-cv-1-col\" ><div class='pt-cv-ifield'><a href=\"https:\/\/www.dmsjuridica.com\/buscador_20179478954\/corteconstitucionalcronologico202454587\/t-574-13\/\" class=\"_self pt-cv-href-thumbnail pt-cv-thumb-default\" target=\"_self\" ><\/a>\n<div class=\"pt-cv-taxoterm above_title\"><a href='https:\/\/www.dmsjuridica.com\/buscador_20179478954\/corteconstitucionalcronologico202454587\/category\/buscar-en-toda-la-corte\/2013\/tutelas-2013\/' title='Tutelas 2013' class='pt-cv-tax-tutelas-2013'>Tutelas 2013<\/a><\/div>\n<h4 class=\"pt-cv-title\"><a href=\"https:\/\/www.dmsjuridica.com\/buscador_20179478954\/corteconstitucionalcronologico202454587\/t-574-13\/\" class=\"_self\" target=\"_self\" >T-574-13<\/a><\/h4>\n<div class=\"pt-cv-content\">\u00a0 \u00a0 \u00a0 \u00a0 \u00a0 \u00a0T-574-13 \u00a0 \u00a0 \u00a0 \u00a0 \u00a0 \u00a0\u00a0 Sentencia \u00a0 T-574\/13 \u00a0 \u00a0 ACCION DE \u00a0 TUTELA PARA RECONOCIMIENTO DE PENSION DE INVALIDEZ-Procedencia excepcional \u00a0 por afectaci\u00f3n al m\u00ednimo vital y vida digna de sujetos de especial protecci\u00f3n \u00a0 \u00a0 Esta Corporaci\u00f3n ha sido enf\u00e1tica en establecer que cuando las \u00a0 personas ostentan una invalidez laboral, sus derechos fundamentales deben ser \u00a0 protegidos de manera urgente ya que no pueden acceder a una vinculaci\u00f3n laboral \u00a0 u otros medios econ\u00f3micos que le permitan salvaguardar los derechos al m\u00ednimo \u00a0 vital, la vida en condiciones dignas, la ...<br \/><div class=\"pt-cv-rmwrap\"><a href=\"https:\/\/www.dmsjuridica.com\/buscador_20179478954\/corteconstitucionalcronologico202454587\/t-574-13\/\" class=\"_self pt-cv-readmore btn btn-success\" target=\"_self\">Ver Sentencia Completa...<\/a><\/div><\/div><\/div><\/div>\n<div class=\"col-md-12 col-sm-12 col-xs-12 pt-cv-content-item pt-cv-1-col\" ><div class='pt-cv-ifield'><a href=\"https:\/\/www.dmsjuridica.com\/buscador_20179478954\/corteconstitucionalcronologico202454587\/t-573-13\/\" class=\"_self pt-cv-href-thumbnail pt-cv-thumb-default\" target=\"_self\" ><\/a>\n<div class=\"pt-cv-taxoterm above_title\"><a href='https:\/\/www.dmsjuridica.com\/buscador_20179478954\/corteconstitucionalcronologico202454587\/category\/buscar-en-toda-la-corte\/2013\/tutelas-2013\/' title='Tutelas 2013' class='pt-cv-tax-tutelas-2013'>Tutelas 2013<\/a><\/div>\n<h4 class=\"pt-cv-title\"><a href=\"https:\/\/www.dmsjuridica.com\/buscador_20179478954\/corteconstitucionalcronologico202454587\/t-573-13\/\" class=\"_self\" target=\"_self\" >T-573-13<\/a><\/h4>\n<div class=\"pt-cv-content\">\u00a0 \u00a0 \u00a0 \u00a0 \u00a0 \u00a0T-573-13 \u00a0 \u00a0 \u00a0 \u00a0 \u00a0 \u00a0\u00a0 Sentencia T-573\/13 \u00a0 \u00a0 DERECHO AL AGUA POTABLE-Toda persona tiene derecho fundamental prima facie a \u00a0 disponer y acceder a cantidades suficientes, y de calidad, de agua apta para el \u00a0 consumo humano \u00a0 \u00a0 DERECHO FUNDAMENTAL AL AGUA-Obligaciones del Estado para garantizar disponibilidad, \u00a0 accesibilidad y calidad del servicio de agua \u00a0 \u00a0 ACCION DE TUTELA PARA SOLICITAR PROTECCION DEL DERECHO \u00a0 AL AGUA-Procedencia excepcional \u00a0 \u00a0 En reiteradas ocasiones la Corte Constitucional se ha \u00a0 pronunciado acerca de la procedencia de la acci\u00f3n de tutela para ...<br \/><div class=\"pt-cv-rmwrap\"><a href=\"https:\/\/www.dmsjuridica.com\/buscador_20179478954\/corteconstitucionalcronologico202454587\/t-573-13\/\" class=\"_self pt-cv-readmore btn btn-success\" target=\"_self\">Ver Sentencia Completa...<\/a><\/div><\/div><\/div><\/div>\n<div class=\"col-md-12 col-sm-12 col-xs-12 pt-cv-content-item pt-cv-1-col\" ><div class='pt-cv-ifield'><a href=\"https:\/\/www.dmsjuridica.com\/buscador_20179478954\/corteconstitucionalcronologico202454587\/t-572-13\/\" class=\"_self pt-cv-href-thumbnail pt-cv-thumb-default\" target=\"_self\" ><\/a>\n<div class=\"pt-cv-taxoterm above_title\"><a href='https:\/\/www.dmsjuridica.com\/buscador_20179478954\/corteconstitucionalcronologico202454587\/category\/buscar-en-toda-la-corte\/2013\/tutelas-2013\/' title='Tutelas 2013' class='pt-cv-tax-tutelas-2013'>Tutelas 2013<\/a><\/div>\n<h4 class=\"pt-cv-title\"><a href=\"https:\/\/www.dmsjuridica.com\/buscador_20179478954\/corteconstitucionalcronologico202454587\/t-572-13\/\" class=\"_self\" target=\"_self\" >T-572-13<\/a><\/h4>\n<div class=\"pt-cv-content\">\u00a0 \u00a0 \u00a0 \u00a0 \u00a0 \u00a0T-572-13 \u00a0 \u00a0 \u00a0 \u00a0 \u00a0 \u00a0\u00a0 Sentencia T-572\/13 \u00a0 \u00a0 DERECHO FUNDAMENTAL A LA SEGURIDAD SOCIAL Y PROTECCION POR MEDIO DE ACCION DE \u00a0 TUTELA-Reiteraci\u00f3n de jurisprudencia \u00a0 \u00a0 Aunque inicialmente se sostuvo la tesis de la improcedencia general de la acci\u00f3n \u00a0 de tutela para la protecci\u00f3n de derechos sociales, por no ser ellos \u00a0 fundamentales, la Corte Constitucional colombiana reconoci\u00f3 que tal \u00a0 clasificaci\u00f3n era inconsistente, estableciendo excepciones para la procedencia \u00a0 pues, en principio, \u201cpod\u00edan ser amparados por v\u00eda de tutela cuando se lograba \u00a0 demostrar un nexo inescindible entre estos ...<br \/><div class=\"pt-cv-rmwrap\"><a href=\"https:\/\/www.dmsjuridica.com\/buscador_20179478954\/corteconstitucionalcronologico202454587\/t-572-13\/\" class=\"_self pt-cv-readmore btn btn-success\" target=\"_self\">Ver Sentencia Completa...<\/a><\/div><\/div><\/div><\/div>\n<div class=\"col-md-12 col-sm-12 col-xs-12 pt-cv-content-item pt-cv-1-col\" ><div class='pt-cv-ifield'><a href=\"https:\/\/www.dmsjuridica.com\/buscador_20179478954\/corteconstitucionalcronologico202454587\/t-571-13\/\" class=\"_self pt-cv-href-thumbnail pt-cv-thumb-default\" target=\"_self\" ><\/a>\n<div class=\"pt-cv-taxoterm above_title\"><a href='https:\/\/www.dmsjuridica.com\/buscador_20179478954\/corteconstitucionalcronologico202454587\/category\/buscar-en-toda-la-corte\/2013\/tutelas-2013\/' title='Tutelas 2013' class='pt-cv-tax-tutelas-2013'>Tutelas 2013<\/a><\/div>\n<h4 class=\"pt-cv-title\"><a href=\"https:\/\/www.dmsjuridica.com\/buscador_20179478954\/corteconstitucionalcronologico202454587\/t-571-13\/\" class=\"_self\" target=\"_self\" >T-571-13<\/a><\/h4>\n<div class=\"pt-cv-content\">\u00a0 \u00a0 \u00a0 \u00a0 \u00a0 \u00a0T-571-13 \u00a0 \u00a0 \u00a0 \u00a0 \u00a0 \u00a0\u00a0 Sentencia T-571\/13 \u00a0 \u00a0 DERECHO A LA EDUCACION ESPECIAL DE MENORES CON \u00a0 CAPACIDADES ESPECIALES-Protecci\u00f3n \u00a0 constitucional \u00a0 \u00a0 La preeminencia de los derechos de los ni\u00f1os sobre los \u00a0 de los dem\u00e1s (art. 44 superior) y su car\u00e1cter de sujetos de especial \u00a0 protecci\u00f3n, conlleva la obligaci\u00f3n estatal, social y familiar de asistirlos y protegerlos para garantizar su desarrollo \u00a0 arm\u00f3nico e integral y el ejercicio pleno de sus facultades, todo lo cual es \u00a0 corroborado en instrumentos internacionales que tambi\u00e9n imponen esa \u00a0 protecci\u00f3n de los ...<br \/><div class=\"pt-cv-rmwrap\"><a href=\"https:\/\/www.dmsjuridica.com\/buscador_20179478954\/corteconstitucionalcronologico202454587\/t-571-13\/\" class=\"_self pt-cv-readmore btn btn-success\" target=\"_self\">Ver Sentencia Completa...<\/a><\/div><\/div><\/div><\/div>\n<div class=\"col-md-12 col-sm-12 col-xs-12 pt-cv-content-item pt-cv-1-col\" ><div class='pt-cv-ifield'><a href=\"https:\/\/www.dmsjuridica.com\/buscador_20179478954\/corteconstitucionalcronologico202454587\/t-570-13\/\" class=\"_self pt-cv-href-thumbnail pt-cv-thumb-default\" target=\"_self\" ><\/a>\n<div class=\"pt-cv-taxoterm above_title\"><a href='https:\/\/www.dmsjuridica.com\/buscador_20179478954\/corteconstitucionalcronologico202454587\/category\/buscar-en-toda-la-corte\/2013\/tutelas-2013\/' title='Tutelas 2013' class='pt-cv-tax-tutelas-2013'>Tutelas 2013<\/a><\/div>\n<h4 class=\"pt-cv-title\"><a href=\"https:\/\/www.dmsjuridica.com\/buscador_20179478954\/corteconstitucionalcronologico202454587\/t-570-13\/\" class=\"_self\" target=\"_self\" >T-570-13<\/a><\/h4>\n<div class=\"pt-cv-content\">\u00a0 \u00a0 \u00a0 \u00a0 \u00a0 \u00a0T-570-13 \u00a0 \u00a0 \u00a0 \u00a0 \u00a0 \u00a0\u00a0 Sentencia T-570\/13 \u00a0 \u00a0 DERECHO A LA SALUD-Vulneraci\u00f3n por EPS cuando niega un servicio incluido en el POS \u00a0 \u00a0 Una EPS vulnera el derecho a la salud de una persona cuando niega o retarda la \u00a0 prestaci\u00f3n de un servicio m\u00e9dico, incluido en el POS, que ha sido prescrito por \u00a0 el m\u00e9dico tratante tras considerarlo necesario para conservar el estado de salud \u00a0 del paciente. \u00a0 \u00a0 DERECHO A LA SALUD-Car\u00e1cter progresivo \u00a0 \u00a0 La Corte ha reconocido de forma reiterada que el \u00a0 derecho fundamental ...<br \/><div class=\"pt-cv-rmwrap\"><a href=\"https:\/\/www.dmsjuridica.com\/buscador_20179478954\/corteconstitucionalcronologico202454587\/t-570-13\/\" class=\"_self pt-cv-readmore btn btn-success\" target=\"_self\">Ver Sentencia Completa...<\/a><\/div><\/div><\/div><\/div>\n<div class=\"col-md-12 col-sm-12 col-xs-12 pt-cv-content-item pt-cv-1-col\" ><div class='pt-cv-ifield'><a href=\"https:\/\/www.dmsjuridica.com\/buscador_20179478954\/corteconstitucionalcronologico202454587\/t-569-13\/\" class=\"_self pt-cv-href-thumbnail pt-cv-thumb-default\" target=\"_self\" ><\/a>\n<div class=\"pt-cv-taxoterm above_title\"><a href='https:\/\/www.dmsjuridica.com\/buscador_20179478954\/corteconstitucionalcronologico202454587\/category\/buscar-en-toda-la-corte\/2013\/tutelas-2013\/' title='Tutelas 2013' class='pt-cv-tax-tutelas-2013'>Tutelas 2013<\/a><\/div>\n<h4 class=\"pt-cv-title\"><a href=\"https:\/\/www.dmsjuridica.com\/buscador_20179478954\/corteconstitucionalcronologico202454587\/t-569-13\/\" class=\"_self\" target=\"_self\" >T-569-13<\/a><\/h4>\n<div class=\"pt-cv-content\">\u00a0 \u00a0 \u00a0 \u00a0 \u00a0 \u00a0T-569-13 \u00a0 \u00a0 \u00a0 \u00a0 \u00a0 \u00a0\u00a0 Sentencia T-569\/13 \u00a0 \u00a0 ACCION DE \u00a0 TUTELA CONTRA PROVIDENCIAS JUDICIALES-Requisitos generales y especiales de \u00a0 procedibilidad \u00a0 \u00a0 De acuerdo con la garant\u00eda \u00a0 constitucional de autonom\u00eda y competencia de los operadores judiciales, la Corte \u00a0 ha concluido que s\u00f3lo se configura el defecto f\u00e1ctico\u00a0 ante una valoraci\u00f3n \u00a0 probatoria manifiestamente incorrecta. Cabe se\u00f1alar que el juez constitucional \u00a0 debe reducir su estudio acerca de la existencia de la valoraci\u00f3n probatoria \u00a0 hecha por el juez natural a un \u00e1mbito de correcci\u00f3n de la providencia impugnada, \u00a0 ...<br \/><div class=\"pt-cv-rmwrap\"><a href=\"https:\/\/www.dmsjuridica.com\/buscador_20179478954\/corteconstitucionalcronologico202454587\/t-569-13\/\" class=\"_self pt-cv-readmore btn btn-success\" target=\"_self\">Ver Sentencia Completa...<\/a><\/div><\/div><\/div><\/div>\n<div class=\"col-md-12 col-sm-12 col-xs-12 pt-cv-content-item pt-cv-1-col\" ><div class='pt-cv-ifield'><a href=\"https:\/\/www.dmsjuridica.com\/buscador_20179478954\/corteconstitucionalcronologico202454587\/t-568-13\/\" class=\"_self pt-cv-href-thumbnail pt-cv-thumb-default\" target=\"_self\" ><\/a>\n<div class=\"pt-cv-taxoterm above_title\"><a href='https:\/\/www.dmsjuridica.com\/buscador_20179478954\/corteconstitucionalcronologico202454587\/category\/buscar-en-toda-la-corte\/2013\/tutelas-2013\/' title='Tutelas 2013' class='pt-cv-tax-tutelas-2013'>Tutelas 2013<\/a><\/div>\n<h4 class=\"pt-cv-title\"><a href=\"https:\/\/www.dmsjuridica.com\/buscador_20179478954\/corteconstitucionalcronologico202454587\/t-568-13\/\" class=\"_self\" target=\"_self\" >T-568-13<\/a><\/h4>\n<div class=\"pt-cv-content\">\u00a0 \u00a0 \u00a0 \u00a0 \u00a0 \u00a0T-568-13 \u00a0 \u00a0 \u00a0 \u00a0 \u00a0 \u00a0\u00a0 Sentencia T-568\/13 \u00a0 \u00a0 ACTUACION TEMERARIA Y COSA JUZGADA EN MATERIA DE \u00a0 TUTELA-Configuraci\u00f3n \u00a0 \u00a0 ACCION DE TUTELA TEMERARIA-Inexistencia por cuanto se presentan hechos nuevos \u00a0 \u00a0 La jurisprudencia del Tribunal Constitucional ha \u00a0 establecido varios eventos en los que queda desvirtuada la cosa juzgada entre \u00a0 dos acciones de tutela, como son que la segunda demanda se fundamente en: i) \u00a0 hechos nuevos, que no hab\u00edan sido tenidos en cuenta con anterioridad por el \u00a0 juez; y ii) elementos f\u00e1cticos o jur\u00eddicos nuevos, los cuales fueron ...<br \/><div class=\"pt-cv-rmwrap\"><a href=\"https:\/\/www.dmsjuridica.com\/buscador_20179478954\/corteconstitucionalcronologico202454587\/t-568-13\/\" class=\"_self pt-cv-readmore btn btn-success\" target=\"_self\">Ver Sentencia Completa...<\/a><\/div><\/div><\/div><\/div>\n<div class=\"col-md-12 col-sm-12 col-xs-12 pt-cv-content-item pt-cv-1-col\" ><div class='pt-cv-ifield'><a href=\"https:\/\/www.dmsjuridica.com\/buscador_20179478954\/corteconstitucionalcronologico202454587\/t-567-13\/\" class=\"_self pt-cv-href-thumbnail pt-cv-thumb-default\" target=\"_self\" ><\/a>\n<div class=\"pt-cv-taxoterm above_title\"><a href='https:\/\/www.dmsjuridica.com\/buscador_20179478954\/corteconstitucionalcronologico202454587\/category\/buscar-en-toda-la-corte\/2013\/tutelas-2013\/' title='Tutelas 2013' class='pt-cv-tax-tutelas-2013'>Tutelas 2013<\/a><\/div>\n<h4 class=\"pt-cv-title\"><a href=\"https:\/\/www.dmsjuridica.com\/buscador_20179478954\/corteconstitucionalcronologico202454587\/t-567-13\/\" class=\"_self\" target=\"_self\" >T-567-13<\/a><\/h4>\n<div class=\"pt-cv-content\">\u00a0 \u00a0 \u00a0 \u00a0 \u00a0 \u00a0T-567-13 \u00a0 \u00a0 \u00a0 \u00a0 \u00a0 \u00a0\u00a0 Sentencia T-567\/13 \u00a0 \u00a0 DERECHO A LA \u00a0 SALUD DE NI\u00d1OS, NI\u00d1AS Y ADOLESCENTES-Fundamental y prevalente \u00a0 \u00a0 DERECHO A LA \u00a0 SALUD DE NI\u00d1OS, NI\u00d1AS Y ADOLESCENTES EN SITUACION DE DISCAPACIDAD-Protecci\u00f3n \u00a0 constitucional \u00a0 \u00a0 El derecho fundamental a la \u00a0 salud de los ni\u00f1os, ni\u00f1as y adolescentes prevalece sobre los derechos de los \u00a0 dem\u00e1s cuya garant\u00eda est\u00e1 consignada tanto en la Constituci\u00f3n de 1991 como en los \u00a0 instrumentos internacionales asumidos por Colombia. Tal garant\u00eda requiere de \u00a0 especial protecci\u00f3n cuando se trate del derecho ...<br \/><div class=\"pt-cv-rmwrap\"><a href=\"https:\/\/www.dmsjuridica.com\/buscador_20179478954\/corteconstitucionalcronologico202454587\/t-567-13\/\" class=\"_self pt-cv-readmore btn btn-success\" target=\"_self\">Ver Sentencia Completa...<\/a><\/div><\/div><\/div><\/div>\n<div class=\"col-md-12 col-sm-12 col-xs-12 pt-cv-content-item pt-cv-1-col\" ><div class='pt-cv-ifield'><a href=\"https:\/\/www.dmsjuridica.com\/buscador_20179478954\/corteconstitucionalcronologico202454587\/t-566-13\/\" class=\"_self pt-cv-href-thumbnail pt-cv-thumb-default\" target=\"_self\" ><\/a>\n<div class=\"pt-cv-taxoterm above_title\"><a href='https:\/\/www.dmsjuridica.com\/buscador_20179478954\/corteconstitucionalcronologico202454587\/category\/buscar-en-toda-la-corte\/2013\/tutelas-2013\/' title='Tutelas 2013' class='pt-cv-tax-tutelas-2013'>Tutelas 2013<\/a><\/div>\n<h4 class=\"pt-cv-title\"><a href=\"https:\/\/www.dmsjuridica.com\/buscador_20179478954\/corteconstitucionalcronologico202454587\/t-566-13\/\" class=\"_self\" target=\"_self\" >T-566-13<\/a><\/h4>\n<div class=\"pt-cv-content\">\u00a0 \u00a0 \u00a0 \u00a0 \u00a0 \u00a0T-566-13 \u00a0 \u00a0 \u00a0 \u00a0 \u00a0 \u00a0\u00a0 Sentencia \u00a0 T-566\/13 \u00a0 \u00a0 PRINCIPIO DE OFICIOSIDAD E INFORMALIDAD DE PROCESO DE \u00a0 TUTELA-Deberes del juez de tutela como \u00a0 garante de derechos fundamentales y debido proceso \u00a0 \u00a0 En primer lugar, la informalidad que caracteriza el \u00a0 tr\u00e1mite de la tutela no puede implicar el quebrantamiento del debido proceso al \u00a0 que est\u00e1n sometidas las actuaciones judiciales y administrativas por expreso \u00a0 mandato superior (art. 29 C.P.), en cuyo contenido constitucionalmente protegido \u00a0 se incorporan los derechos de defensa y contradicci\u00f3n. En segundo lugar, el juez ...<br \/><div class=\"pt-cv-rmwrap\"><a href=\"https:\/\/www.dmsjuridica.com\/buscador_20179478954\/corteconstitucionalcronologico202454587\/t-566-13\/\" class=\"_self pt-cv-readmore btn btn-success\" target=\"_self\">Ver Sentencia Completa...<\/a><\/div><\/div><\/div><\/div>\n<div class=\"col-md-12 col-sm-12 col-xs-12 pt-cv-content-item pt-cv-1-col\" ><div class='pt-cv-ifield'><a href=\"https:\/\/www.dmsjuridica.com\/buscador_20179478954\/corteconstitucionalcronologico202454587\/t-565-13\/\" class=\"_self pt-cv-href-thumbnail pt-cv-thumb-default\" target=\"_self\" ><\/a>\n<div class=\"pt-cv-taxoterm above_title\"><a href='https:\/\/www.dmsjuridica.com\/buscador_20179478954\/corteconstitucionalcronologico202454587\/category\/buscar-en-toda-la-corte\/2013\/tutelas-2013\/' title='Tutelas 2013' class='pt-cv-tax-tutelas-2013'>Tutelas 2013<\/a><\/div>\n<h4 class=\"pt-cv-title\"><a href=\"https:\/\/www.dmsjuridica.com\/buscador_20179478954\/corteconstitucionalcronologico202454587\/t-565-13\/\" class=\"_self\" target=\"_self\" >T-565-13<\/a><\/h4>\n<div class=\"pt-cv-content\">\u00a0 \u00a0 \u00a0 \u00a0 \u00a0 \u00a0T-565-13 \u00a0 \u00a0 \u00a0 \u00a0 \u00a0 \u00a0\u00a0 Sentencia T-565\/13 \u00a0 \u00a0 ESTABLECIMIENTO EDUCATIVO-Prohibici\u00f3n constitucional para imponer una apariencia \u00a0 f\u00edsica particular del educando a trav\u00e9s del manual de convivencia\/MANUAL DE \u00a0 CONVIVENCIA-L\u00edmites \u00a0 \u00a0 La jurisprudencia constitucional ha tratado en \u00a0 m\u00faltiples oportunidades el tema relativo a los l\u00edmites de los manuales de \u00a0 convivencia de los establecimientos educativos, en materia de imposici\u00f3n de \u00a0 sanciones y prohibiciones frente a la decisi\u00f3n de los educandos de optar por \u00a0 determinada apariencia f\u00edsica, particularmente a trav\u00e9s de la elecci\u00f3n de un \u00a0 corte de pelo espec\u00edfico ...<br \/><div class=\"pt-cv-rmwrap\"><a href=\"https:\/\/www.dmsjuridica.com\/buscador_20179478954\/corteconstitucionalcronologico202454587\/t-565-13\/\" class=\"_self pt-cv-readmore btn btn-success\" target=\"_self\">Ver Sentencia Completa...<\/a><\/div><\/div><\/div><\/div>\n<div class=\"col-md-12 col-sm-12 col-xs-12 pt-cv-content-item pt-cv-1-col\" ><div class='pt-cv-ifield'><a href=\"https:\/\/www.dmsjuridica.com\/buscador_20179478954\/corteconstitucionalcronologico202454587\/t-564-13\/\" class=\"_self pt-cv-href-thumbnail pt-cv-thumb-default\" target=\"_self\" ><\/a>\n<div class=\"pt-cv-taxoterm above_title\"><a href='https:\/\/www.dmsjuridica.com\/buscador_20179478954\/corteconstitucionalcronologico202454587\/category\/buscar-en-toda-la-corte\/2013\/tutelas-2013\/' title='Tutelas 2013' class='pt-cv-tax-tutelas-2013'>Tutelas 2013<\/a><\/div>\n<h4 class=\"pt-cv-title\"><a href=\"https:\/\/www.dmsjuridica.com\/buscador_20179478954\/corteconstitucionalcronologico202454587\/t-564-13\/\" class=\"_self\" target=\"_self\" >T-564-13<\/a><\/h4>\n<div class=\"pt-cv-content\">\u00a0 \u00a0 \u00a0 \u00a0 \u00a0 \u00a0T-564-13 \u00a0 \u00a0 \u00a0 \u00a0 \u00a0 \u00a0\u00a0 Sentencia T-564\/13 \u00a0 \u00a0 ACCION DE \u00a0 TUTELA CONTRA PROVIDENCIAS JUDICIALES-Requisitos generales y especiales de \u00a0 procedibilidad \u00a0 \u00a0 ACCION DE \u00a0 TUTELA CONTRA PROVIDENCIAS JUDICIALES-En la sentencia C-590\/05 la Corte \u00a0 Constitucional sistematiz\u00f3 y unific\u00f3 los requisitos de procedencia y motivos de \u00a0 procedibilidad \u00a0 \u00a0 Lo esencial para determinar la \u00a0 procedencia de la acci\u00f3n de tutela en contra de una sentencia judicial, es la \u00a0 concurrencia de tres situaciones: (i) el cumplimiento de los requisitos formales \u00a0 de procedibilidad, (ii) la existencia de alguna o ...<br \/><div class=\"pt-cv-rmwrap\"><a href=\"https:\/\/www.dmsjuridica.com\/buscador_20179478954\/corteconstitucionalcronologico202454587\/t-564-13\/\" class=\"_self pt-cv-readmore btn btn-success\" target=\"_self\">Ver Sentencia Completa...<\/a><\/div><\/div><\/div><\/div>\n<div class=\"col-md-12 col-sm-12 col-xs-12 pt-cv-content-item pt-cv-1-col\" ><div class='pt-cv-ifield'><a href=\"https:\/\/www.dmsjuridica.com\/buscador_20179478954\/corteconstitucionalcronologico202454587\/t-563-13\/\" class=\"_self pt-cv-href-thumbnail pt-cv-thumb-default\" target=\"_self\" ><\/a>\n<div class=\"pt-cv-taxoterm above_title\"><a href='https:\/\/www.dmsjuridica.com\/buscador_20179478954\/corteconstitucionalcronologico202454587\/category\/buscar-en-toda-la-corte\/2013\/tutelas-2013\/' title='Tutelas 2013' class='pt-cv-tax-tutelas-2013'>Tutelas 2013<\/a><\/div>\n<h4 class=\"pt-cv-title\"><a href=\"https:\/\/www.dmsjuridica.com\/buscador_20179478954\/corteconstitucionalcronologico202454587\/t-563-13\/\" class=\"_self\" target=\"_self\" >T-563-13<\/a><\/h4>\n<div class=\"pt-cv-content\">\u00a0 \u00a0 \u00a0 \u00a0 \u00a0 \u00a0T-563-13 \u00a0 \u00a0 \u00a0 \u00a0 \u00a0 \u00a0\u00a0 Sentencia T-563\/13 \u00a0 \u00a0 \u00a0(Bogot\u00e1 D.C., \u00a0 agosto 24) \u00a0 \u00a0 DERECHO A LA SALUD COMO DERECHO FUNDAMENTAL AUTONOMO-Reiteraci\u00f3n de jurisprudencia \u00a0 \u00a0 La Constituci\u00f3n Pol\u00edtica y la jurisprudencia \u00a0 constitucional han reconocido a la salud como un derecho fundamental aut\u00f3nomo. \u00a0 De acuerdo con los tratados internacionales ratificados por Colombia, se han \u00a0 radicado en cabeza del Estado la obligaci\u00f3n de garantizar la atenci\u00f3n m\u00e9dica que \u00a0 las personas requieran, establecido los elementos esenciales del contenido del \u00a0 derecho a la salud, como son: la disponibilidad, la ...<br \/><div class=\"pt-cv-rmwrap\"><a href=\"https:\/\/www.dmsjuridica.com\/buscador_20179478954\/corteconstitucionalcronologico202454587\/t-563-13\/\" class=\"_self pt-cv-readmore btn btn-success\" target=\"_self\">Ver Sentencia Completa...<\/a><\/div><\/div><\/div><\/div>\n<div class=\"col-md-12 col-sm-12 col-xs-12 pt-cv-content-item pt-cv-1-col\" ><div class='pt-cv-ifield'><a href=\"https:\/\/www.dmsjuridica.com\/buscador_20179478954\/corteconstitucionalcronologico202454587\/t-562-13\/\" class=\"_self pt-cv-href-thumbnail pt-cv-thumb-default\" target=\"_self\" ><\/a>\n<div class=\"pt-cv-taxoterm above_title\"><a href='https:\/\/www.dmsjuridica.com\/buscador_20179478954\/corteconstitucionalcronologico202454587\/category\/buscar-en-toda-la-corte\/2013\/tutelas-2013\/' title='Tutelas 2013' class='pt-cv-tax-tutelas-2013'>Tutelas 2013<\/a><\/div>\n<h4 class=\"pt-cv-title\"><a href=\"https:\/\/www.dmsjuridica.com\/buscador_20179478954\/corteconstitucionalcronologico202454587\/t-562-13\/\" class=\"_self\" target=\"_self\" >T-562-13<\/a><\/h4>\n<div class=\"pt-cv-content\">\u00a0 \u00a0 \u00a0 \u00a0 \u00a0 \u00a0T-562-13 \u00a0 \u00a0 \u00a0 \u00a0 \u00a0 \u00a0\u00a0 \u00a0Sentencia T-562\/13 \u00a0 \u00a0 \u00a0(Bogot\u00e1, \u00a0 D.C., agosto 23) \u00a0 \u00a0 AGENCIA OFICIOSA EN TUTELA DE NI\u00d1OS, NI\u00d1AS Y ADOLESCENTES-Requisitos no tienen aplicaci\u00f3n \u00a0 \u00a0 DERECHO A LA DIGNIDAD HUMANA Y AL LIBRE DESARROLLO DE LA PERSONALIDAD-Garant\u00eda \u00a0 constitucional \u00a0 \u00a0 DERECHO A LA DIGNIDAD HUMANA Y AL LIBRE DESARROLLO DE LA PERSONALIDAD-L\u00edmites \u00a0 \u00a0 Para que la limitaci\u00f3n al libre desarrollo de la personalidad sea leg\u00edtima debe \u00a0 tener un fundamento jur\u00eddico constitucional. De lo contrario, es arbitraria, \u00a0 pues las simples invocaciones del inter\u00e9s general, de ...<br \/><div class=\"pt-cv-rmwrap\"><a href=\"https:\/\/www.dmsjuridica.com\/buscador_20179478954\/corteconstitucionalcronologico202454587\/t-562-13\/\" class=\"_self pt-cv-readmore btn btn-success\" target=\"_self\">Ver Sentencia Completa...<\/a><\/div><\/div><\/div><\/div>\n<div class=\"col-md-12 col-sm-12 col-xs-12 pt-cv-content-item pt-cv-1-col\" ><div class='pt-cv-ifield'><a href=\"https:\/\/www.dmsjuridica.com\/buscador_20179478954\/corteconstitucionalcronologico202454587\/t-561-13\/\" class=\"_self pt-cv-href-thumbnail pt-cv-thumb-default\" target=\"_self\" ><\/a>\n<div class=\"pt-cv-taxoterm above_title\"><a href='https:\/\/www.dmsjuridica.com\/buscador_20179478954\/corteconstitucionalcronologico202454587\/category\/buscar-en-toda-la-corte\/2013\/tutelas-2013\/' title='Tutelas 2013' class='pt-cv-tax-tutelas-2013'>Tutelas 2013<\/a><\/div>\n<h4 class=\"pt-cv-title\"><a href=\"https:\/\/www.dmsjuridica.com\/buscador_20179478954\/corteconstitucionalcronologico202454587\/t-561-13\/\" class=\"_self\" target=\"_self\" >T-561-13<\/a><\/h4>\n<div class=\"pt-cv-content\">\u00a0 \u00a0 \u00a0 \u00a0 \u00a0 \u00a0T-561-13 \u00a0 \u00a0 \u00a0 \u00a0 \u00a0 \u00a0\u00a0 Sentencia T-561\/13 \u00a0 \u00a0 ACCION DE TUTELA PARA TRASLADO DE DOCENTE-Procedencia excepcional por vulneraci\u00f3n de derechos del \u00a0 trabajador o su n\u00facleo familiar \u00a0 \u00a0 TRASLADO DE DOCENTES-L\u00edmites a la discrecionalidad de la administraci\u00f3n \u00a0 cuando vulnera derechos del docente y su n\u00facleo familiar \u00a0 \u00a0 Ha puntualizado la Corte que la afectaci\u00f3n clara, grave y directa de los \u00a0 derechos fundamentales del peticionario o de su n\u00facleo familiar, puede tener \u00a0 lugar en diversas circunstancias que deben aparecer debidamente acreditadas en \u00a0 el respectivo expediente. De hecho, ...<br \/><div class=\"pt-cv-rmwrap\"><a href=\"https:\/\/www.dmsjuridica.com\/buscador_20179478954\/corteconstitucionalcronologico202454587\/t-561-13\/\" class=\"_self pt-cv-readmore btn btn-success\" target=\"_self\">Ver Sentencia Completa...<\/a><\/div><\/div><\/div><\/div>\n<div class=\"col-md-12 col-sm-12 col-xs-12 pt-cv-content-item pt-cv-1-col\" ><div class='pt-cv-ifield'><a href=\"https:\/\/www.dmsjuridica.com\/buscador_20179478954\/corteconstitucionalcronologico202454587\/t-560-13\/\" class=\"_self pt-cv-href-thumbnail pt-cv-thumb-default\" target=\"_self\" ><\/a>\n<div class=\"pt-cv-taxoterm above_title\"><a href='https:\/\/www.dmsjuridica.com\/buscador_20179478954\/corteconstitucionalcronologico202454587\/category\/buscar-en-toda-la-corte\/2013\/tutelas-2013\/' title='Tutelas 2013' class='pt-cv-tax-tutelas-2013'>Tutelas 2013<\/a><\/div>\n<h4 class=\"pt-cv-title\"><a href=\"https:\/\/www.dmsjuridica.com\/buscador_20179478954\/corteconstitucionalcronologico202454587\/t-560-13\/\" class=\"_self\" target=\"_self\" >T-560-13<\/a><\/h4>\n<div class=\"pt-cv-content\">\u00a0 \u00a0 \u00a0 \u00a0 \u00a0 \u00a0T-560-13 \u00a0 \u00a0 \u00a0 \u00a0 \u00a0 \u00a0\u00a0 Sentencia T-560\/13 \u00a0 \u00a0 LEY 1122\/07-Confiri\u00f3 \u00a0 a Superintendencia Nacional de Salud facultades jurisdiccionales para adelantar \u00a0 procedimientos que resuelvan controversias entre entidades promotoras de salud y \u00a0 usuarios \u00a0 \u00a0 FUNCION JURISDICCIONAL POR SUPERINTENDENCIA NACIONAL DE \u00a0 SALUD-Procedimiento \u00a0 \u00a0 El procedimiento de naturaleza judicial inicia con la presentaci\u00f3n de una \u00a0 solicitud informal, sin necesidad de apoderado, en la cual se deben sintetizar \u00a0 los hechos que originan el conflicto, la petici\u00f3n a resolver y el lugar de \u00a0 notificaci\u00f3n de las partes. Dentro de los ...<br \/><div class=\"pt-cv-rmwrap\"><a href=\"https:\/\/www.dmsjuridica.com\/buscador_20179478954\/corteconstitucionalcronologico202454587\/t-560-13\/\" class=\"_self pt-cv-readmore btn btn-success\" target=\"_self\">Ver Sentencia Completa...<\/a><\/div><\/div><\/div><\/div>\n<div class=\"col-md-12 col-sm-12 col-xs-12 pt-cv-content-item pt-cv-1-col\" ><div class='pt-cv-ifield'><a href=\"https:\/\/www.dmsjuridica.com\/buscador_20179478954\/corteconstitucionalcronologico202454587\/t-559-13\/\" class=\"_self pt-cv-href-thumbnail pt-cv-thumb-default\" target=\"_self\" ><\/a>\n<div class=\"pt-cv-taxoterm above_title\"><a href='https:\/\/www.dmsjuridica.com\/buscador_20179478954\/corteconstitucionalcronologico202454587\/category\/buscar-en-toda-la-corte\/2013\/tutelas-2013\/' title='Tutelas 2013' class='pt-cv-tax-tutelas-2013'>Tutelas 2013<\/a><\/div>\n<h4 class=\"pt-cv-title\"><a href=\"https:\/\/www.dmsjuridica.com\/buscador_20179478954\/corteconstitucionalcronologico202454587\/t-559-13\/\" class=\"_self\" target=\"_self\" >T-559-13<\/a><\/h4>\n<div class=\"pt-cv-content\">Sentencia T-559\/13 \u00a0 \u00a0 CARENCIA ACTUAL DE OBJETO-Configuraci\u00f3n y caracter\u00edsticas\/ACCION DE TUTELA-Hecho \u00a0 superado no exime de pronunciamiento de fondo \u00a0 \u00a0 La carencia actual de objeto tiene lugar cuando de \u00a0 proferirse \u00a0 \u00a0 +una orden relacionada con lo solicitado \u00a0 en la acci\u00f3n de tutela, la misma no tendr\u00eda ning\u00fan efecto, esto es, caer\u00eda en el \u00a0 vac\u00edo. Dicha situaci\u00f3n se presenta por ejemplo ante la presencia de un hecho \u00a0 superado o de un da\u00f1o consumado. la caracter\u00edstica esencial de la carencia \u00a0 actual de objeto es que de proferirse una orden judicial la misma no tendr\u00eda ...<br \/><div class=\"pt-cv-rmwrap\"><a href=\"https:\/\/www.dmsjuridica.com\/buscador_20179478954\/corteconstitucionalcronologico202454587\/t-559-13\/\" class=\"_self pt-cv-readmore btn btn-success\" target=\"_self\">Ver Sentencia Completa...<\/a><\/div><\/div><\/div><\/div>\n<div class=\"col-md-12 col-sm-12 col-xs-12 pt-cv-content-item pt-cv-1-col\" ><div class='pt-cv-ifield'><a href=\"https:\/\/www.dmsjuridica.com\/buscador_20179478954\/corteconstitucionalcronologico202454587\/t-558-13\/\" class=\"_self pt-cv-href-thumbnail pt-cv-thumb-default\" target=\"_self\" ><\/a>\n<div class=\"pt-cv-taxoterm above_title\"><a href='https:\/\/www.dmsjuridica.com\/buscador_20179478954\/corteconstitucionalcronologico202454587\/category\/buscar-en-toda-la-corte\/2013\/tutelas-2013\/' title='Tutelas 2013' class='pt-cv-tax-tutelas-2013'>Tutelas 2013<\/a><\/div>\n<h4 class=\"pt-cv-title\"><a href=\"https:\/\/www.dmsjuridica.com\/buscador_20179478954\/corteconstitucionalcronologico202454587\/t-558-13\/\" class=\"_self\" target=\"_self\" >T-558-13<\/a><\/h4>\n<div class=\"pt-cv-content\">\u00a0 \u00a0 \u00a0 \u00a0 \u00a0 \u00a0T-558-13 \u00a0 \u00a0 \u00a0 \u00a0 \u00a0 \u00a0\u00a0 Sentencia T-558\/13 \u00a0 \u00a0 DERECHO A LA SALUD DE VICTIMA DE ACCIDENTE DE TRANSITO-Responsabilidad \u00a0 de las IPS frente a la atenci\u00f3n cuando la v\u00edctima de accidente requiere un mayor \u00a0 nivel de atenci\u00f3n \u00a0 \u00a0 En virtud de la normatividad \u00a0 pertinente y la jurisprudencia constitucional, que: - La atenci\u00f3n a las \u00a0 v\u00edctimas de accidentes de tr\u00e1nsito es una obligaci\u00f3n legal para las entidades \u00a0 del sector salud, seg\u00fan el Decreto Ley 663 de 1993; - Tal atenci\u00f3n debe ser \u00a0 integral, implicando asistencia en urgencia, ...<br \/><div class=\"pt-cv-rmwrap\"><a href=\"https:\/\/www.dmsjuridica.com\/buscador_20179478954\/corteconstitucionalcronologico202454587\/t-558-13\/\" class=\"_self pt-cv-readmore btn btn-success\" target=\"_self\">Ver Sentencia Completa...<\/a><\/div><\/div><\/div><\/div>\n<div class=\"col-md-12 col-sm-12 col-xs-12 pt-cv-content-item pt-cv-1-col\" ><div class='pt-cv-ifield'><a href=\"https:\/\/www.dmsjuridica.com\/buscador_20179478954\/corteconstitucionalcronologico202454587\/t-557-13\/\" class=\"_self pt-cv-href-thumbnail pt-cv-thumb-default\" target=\"_self\" ><\/a>\n<div class=\"pt-cv-taxoterm above_title\"><a href='https:\/\/www.dmsjuridica.com\/buscador_20179478954\/corteconstitucionalcronologico202454587\/category\/buscar-en-toda-la-corte\/2013\/tutelas-2013\/' title='Tutelas 2013' class='pt-cv-tax-tutelas-2013'>Tutelas 2013<\/a><\/div>\n<h4 class=\"pt-cv-title\"><a href=\"https:\/\/www.dmsjuridica.com\/buscador_20179478954\/corteconstitucionalcronologico202454587\/t-557-13\/\" class=\"_self\" target=\"_self\" >T-557-13<\/a><\/h4>\n<div class=\"pt-cv-content\">\u00a0 \u00a0 \u00a0 \u00a0 \u00a0 \u00a0T-557-13 \u00a0 \u00a0 \u00a0 \u00a0 \u00a0 \u00a0\u00a0 Sentencia T-557\/13 \u00a0 \u00a0 LEGITIMACION POR PASIVA EN TUTELA CONTRA FONDO NACIONAL \u00a0 DEL AHORRO-Procedencia para la \u00a0 protecci\u00f3n de derechos fundamentales de los trabajadores afiliados \u00a0 \u00a0 En relaci\u00f3n con el requisito de la legitimaci\u00f3n por \u00a0 pasiva frente al Fondo Nacional del Ahorro, encuentra la Sala que seg\u00fan la Ley \u00a0 432 de 1998, la citada entidad es una Empresa Industrial y Comercial del Estado, \u00a0 organizada como establecimiento de cr\u00e9dito de naturaleza especial, con \u00a0 personer\u00eda jur\u00eddica, autonom\u00eda administrativa y capital independiente. De \u00a0 acuerdo ...<br \/><div class=\"pt-cv-rmwrap\"><a href=\"https:\/\/www.dmsjuridica.com\/buscador_20179478954\/corteconstitucionalcronologico202454587\/t-557-13\/\" class=\"_self pt-cv-readmore btn btn-success\" target=\"_self\">Ver Sentencia Completa...<\/a><\/div><\/div><\/div><\/div>\n<div class=\"col-md-12 col-sm-12 col-xs-12 pt-cv-content-item pt-cv-1-col\" ><div class='pt-cv-ifield'><a href=\"https:\/\/www.dmsjuridica.com\/buscador_20179478954\/corteconstitucionalcronologico202454587\/t-556-13\/\" class=\"_self pt-cv-href-thumbnail pt-cv-thumb-default\" target=\"_self\" ><\/a>\n<div class=\"pt-cv-taxoterm above_title\"><a href='https:\/\/www.dmsjuridica.com\/buscador_20179478954\/corteconstitucionalcronologico202454587\/category\/buscar-en-toda-la-corte\/2013\/tutelas-2013\/' title='Tutelas 2013' class='pt-cv-tax-tutelas-2013'>Tutelas 2013<\/a><\/div>\n<h4 class=\"pt-cv-title\"><a href=\"https:\/\/www.dmsjuridica.com\/buscador_20179478954\/corteconstitucionalcronologico202454587\/t-556-13\/\" class=\"_self\" target=\"_self\" >T-556-13<\/a><\/h4>\n<div class=\"pt-cv-content\">\u00a0 \u00a0 \u00a0 \u00a0 \u00a0 \u00a0T-556-13 \u00a0 \u00a0 \u00a0 \u00a0 \u00a0 \u00a0\u00a0 Sentencia T-556\/13 \u00a0 \u00a0 DERECHO DE PETICION, SEGURIDAD SOCIAL Y MINIMO VITAL DE \u00a0 USUARIOS DEL REGIMEN DE PRIMA MEDIA-Ordenes \u00a0 a Colpensiones con efectos inter comunis en auto 110 de 2013 \u00a0 \u00a0 Esta Corporaci\u00f3n advirti\u00f3 que existen unos asuntos con \u00a0 incidencia iusfundamental que demandan su atenci\u00f3n urgente como consecuencia del \u00a0 traumatismo que ha supuesto el proceso de transici\u00f3n del ISS en Liquidaci\u00f3n a \u00a0 Colpensiones. Los problemas evidenciados por esta Corporaci\u00f3n fueron \u00a0 sintetizados en los siguientes puntos: (i) Masivo incumplimiento de los t\u00e9rminos ...<br \/><div class=\"pt-cv-rmwrap\"><a href=\"https:\/\/www.dmsjuridica.com\/buscador_20179478954\/corteconstitucionalcronologico202454587\/t-556-13\/\" class=\"_self pt-cv-readmore btn btn-success\" target=\"_self\">Ver Sentencia Completa...<\/a><\/div><\/div><\/div><\/div>\n<div class=\"col-md-12 col-sm-12 col-xs-12 pt-cv-content-item pt-cv-1-col\" ><div class='pt-cv-ifield'><a href=\"https:\/\/www.dmsjuridica.com\/buscador_20179478954\/corteconstitucionalcronologico202454587\/t-554-13\/\" class=\"_self pt-cv-href-thumbnail pt-cv-thumb-default\" target=\"_self\" ><\/a>\n<div class=\"pt-cv-taxoterm above_title\"><a href='https:\/\/www.dmsjuridica.com\/buscador_20179478954\/corteconstitucionalcronologico202454587\/category\/buscar-en-toda-la-corte\/2013\/tutelas-2013\/' title='Tutelas 2013' class='pt-cv-tax-tutelas-2013'>Tutelas 2013<\/a><\/div>\n<h4 class=\"pt-cv-title\"><a href=\"https:\/\/www.dmsjuridica.com\/buscador_20179478954\/corteconstitucionalcronologico202454587\/t-554-13\/\" class=\"_self\" target=\"_self\" >T-554-13<\/a><\/h4>\n<div class=\"pt-cv-content\">\u00a0 \u00a0 \u00a0 \u00a0 \u00a0 \u00a0T-554-13 \u00a0 \u00a0 \u00a0 \u00a0 \u00a0 \u00a0\u00a0 Sentencia T-554\/13 \u00a0 \u00a0 DERECHO A LA SALUD DE NI\u00d1OS, NI\u00d1AS Y ADOLESCENTES COMO \u00a0 SUJETOS DE ESPECIAL PROTECCION CONSTITUCIONAL-Reiteraci\u00f3n de jurisprudencia \u00a0 \u00a0 Se ha precisado que la posibilidad de acudir a la acci\u00f3n de tutela para demandar \u00a0 la protecci\u00f3n de los derechos prestacionales, tiene lugar cuando se ha expedido \u00a0 la regulaci\u00f3n legal que les da contenido, presupuesto que permite su defensa \u00a0 judicial en forma directa, bajo el entendido de que tales contenidos \u00a0 prestacionales constituyen por s\u00ed mismos un derecho fundamental aut\u00f3nomo en ...<br \/><div class=\"pt-cv-rmwrap\"><a href=\"https:\/\/www.dmsjuridica.com\/buscador_20179478954\/corteconstitucionalcronologico202454587\/t-554-13\/\" class=\"_self pt-cv-readmore btn btn-success\" target=\"_self\">Ver Sentencia Completa...<\/a><\/div><\/div><\/div><\/div>\n<div class=\"col-md-12 col-sm-12 col-xs-12 pt-cv-content-item pt-cv-1-col\" ><div class='pt-cv-ifield'><a href=\"https:\/\/www.dmsjuridica.com\/buscador_20179478954\/corteconstitucionalcronologico202454587\/t-553-13\/\" class=\"_self pt-cv-href-thumbnail pt-cv-thumb-default\" target=\"_self\" ><\/a>\n<div class=\"pt-cv-taxoterm above_title\"><a href='https:\/\/www.dmsjuridica.com\/buscador_20179478954\/corteconstitucionalcronologico202454587\/category\/buscar-en-toda-la-corte\/2013\/tutelas-2013\/' title='Tutelas 2013' class='pt-cv-tax-tutelas-2013'>Tutelas 2013<\/a><\/div>\n<h4 class=\"pt-cv-title\"><a href=\"https:\/\/www.dmsjuridica.com\/buscador_20179478954\/corteconstitucionalcronologico202454587\/t-553-13\/\" class=\"_self\" target=\"_self\" >T-553-13<\/a><\/h4>\n<div class=\"pt-cv-content\">\u00a0 \u00a0 \u00a0 \u00a0 \u00a0 \u00a0T-553-13 \u00a0 \u00a0 \u00a0 \u00a0 \u00a0 \u00a0\u00a0 Sentencia T-553\/13 \u00a0 \u00a0 ACCION DE TUTELA CONTRA PROVIDENCIAS JUDICIALES-Requisitos \u00a0 generales y especiales de procedibilidad \u00a0 \u00a0 DEFECTO SUSTANTIVO-Configuraci\u00f3n \u00a0 \u00a0 Es \u00a0 definido por la Corte como la existencia de una falencia en una providencia \u00a0 judicial originada en el proceso de interpretaci\u00f3n o aplicaci\u00f3n de las normas \u00a0 jur\u00eddicas por parte del juez natural. Para que se configure esta causal de \u00a0 procedencia, debe tratarse de una irregularidad de alta trascendencia, que \u00a0 signifique que el fallo emitido obstaculiza o lesiona la efectividad de los ...<br \/><div class=\"pt-cv-rmwrap\"><a href=\"https:\/\/www.dmsjuridica.com\/buscador_20179478954\/corteconstitucionalcronologico202454587\/t-553-13\/\" class=\"_self pt-cv-readmore btn btn-success\" target=\"_self\">Ver Sentencia Completa...<\/a><\/div><\/div><\/div><\/div>\n<div class=\"col-md-12 col-sm-12 col-xs-12 pt-cv-content-item pt-cv-1-col\" ><div class='pt-cv-ifield'><a href=\"https:\/\/www.dmsjuridica.com\/buscador_20179478954\/corteconstitucionalcronologico202454587\/t-552-13\/\" class=\"_self pt-cv-href-thumbnail pt-cv-thumb-default\" target=\"_self\" ><\/a>\n<div class=\"pt-cv-taxoterm above_title\"><a href='https:\/\/www.dmsjuridica.com\/buscador_20179478954\/corteconstitucionalcronologico202454587\/category\/buscar-en-toda-la-corte\/2013\/tutelas-2013\/' title='Tutelas 2013' class='pt-cv-tax-tutelas-2013'>Tutelas 2013<\/a><\/div>\n<h4 class=\"pt-cv-title\"><a href=\"https:\/\/www.dmsjuridica.com\/buscador_20179478954\/corteconstitucionalcronologico202454587\/t-552-13\/\" class=\"_self\" target=\"_self\" >T-552-13<\/a><\/h4>\n<div class=\"pt-cv-content\">\u00a0 \u00a0 \u00a0 \u00a0 \u00a0 \u00a0T-552-13 \u00a0 \u00a0 \u00a0 \u00a0 \u00a0 \u00a0\u00a0 Sentencia T-552\/13 \u00a0 \u00a0\u00a0 DERECHO DE LAS PERSONAS TRANSGENERO A ACCEDER A LOS \u00a0 SERVICIOS DE SALUD-Tratamiento para \u00a0 reafirmaci\u00f3n sexual quir\u00fargica o cambio de sexo \u00a0 \u00a0 PERSONAS TRANSGENERO-Definici\u00f3n\/PERSONAS TRANSGENERO-Incluye personas \u00a0 transexuales, transg\u00e9nero, travestidos, interg\u00e9nero, transformistas, drag Queens \u00a0 y drag kings \u00a0 \u00a0 El t\u00e9rmino transg\u00e9nero constituye una denominaci\u00f3n gen\u00e9rica con el cual \u00a0 se ha designado a aquellas personas cuya identidad sexual y de g\u00e9nero no \u00a0 coincide con la que le fue asignada al nacer con base en las caracter\u00edsticas \u00a0 f\u00edsicas (sexo ...<br \/><div class=\"pt-cv-rmwrap\"><a href=\"https:\/\/www.dmsjuridica.com\/buscador_20179478954\/corteconstitucionalcronologico202454587\/t-552-13\/\" class=\"_self pt-cv-readmore btn btn-success\" target=\"_self\">Ver Sentencia Completa...<\/a><\/div><\/div><\/div><\/div>\n<div class=\"col-md-12 col-sm-12 col-xs-12 pt-cv-content-item pt-cv-1-col\" ><div class='pt-cv-ifield'><a href=\"https:\/\/www.dmsjuridica.com\/buscador_20179478954\/corteconstitucionalcronologico202454587\/t-551-13\/\" class=\"_self pt-cv-href-thumbnail pt-cv-thumb-default\" target=\"_self\" ><\/a>\n<div class=\"pt-cv-taxoterm above_title\"><a href='https:\/\/www.dmsjuridica.com\/buscador_20179478954\/corteconstitucionalcronologico202454587\/category\/buscar-en-toda-la-corte\/2013\/tutelas-2013\/' title='Tutelas 2013' class='pt-cv-tax-tutelas-2013'>Tutelas 2013<\/a><\/div>\n<h4 class=\"pt-cv-title\"><a href=\"https:\/\/www.dmsjuridica.com\/buscador_20179478954\/corteconstitucionalcronologico202454587\/t-551-13\/\" class=\"_self\" target=\"_self\" >T-551-13<\/a><\/h4>\n<div class=\"pt-cv-content\">\u00a0 \u00a0 \u00a0 \u00a0 \u00a0 \u00a0T-551-13 \u00a0 \u00a0 \u00a0 \u00a0 \u00a0 \u00a0\u00a0 Sentencia T-551\/13 \u00a0 \u00a0 ACCION DE TUTELA TEMERARIA-Inexistencia por cuanto se presentan hechos nuevos \u00a0 \u00a0 La Corte Constitucional ha se\u00f1alado que el estudio de \u00a0 los elementos de las acciones que se consideran prima facie temerarias debe ser \u00a0 minucioso, ya que la acci\u00f3n de tutela es un derecho fundamental, y cualquier \u00a0 restricci\u00f3n en su ejercicio para proteger el adecuado funcionamiento de la \u00a0 administraci\u00f3n de justicia debe ser limitado. Por lo tanto, con el estudio \u00a0 propuesto se debe establecer si entre las acciones existe ...<br \/><div class=\"pt-cv-rmwrap\"><a href=\"https:\/\/www.dmsjuridica.com\/buscador_20179478954\/corteconstitucionalcronologico202454587\/t-551-13\/\" class=\"_self pt-cv-readmore btn btn-success\" target=\"_self\">Ver Sentencia Completa...<\/a><\/div><\/div><\/div><\/div>\n<div class=\"col-md-12 col-sm-12 col-xs-12 pt-cv-content-item pt-cv-1-col\" ><div class='pt-cv-ifield'><a href=\"https:\/\/www.dmsjuridica.com\/buscador_20179478954\/corteconstitucionalcronologico202454587\/t-550-13\/\" class=\"_self pt-cv-href-thumbnail pt-cv-thumb-default\" target=\"_self\" ><\/a>\n<div class=\"pt-cv-taxoterm above_title\"><a href='https:\/\/www.dmsjuridica.com\/buscador_20179478954\/corteconstitucionalcronologico202454587\/category\/buscar-en-toda-la-corte\/2013\/tutelas-2013\/' title='Tutelas 2013' class='pt-cv-tax-tutelas-2013'>Tutelas 2013<\/a><\/div>\n<h4 class=\"pt-cv-title\"><a href=\"https:\/\/www.dmsjuridica.com\/buscador_20179478954\/corteconstitucionalcronologico202454587\/t-550-13\/\" class=\"_self\" target=\"_self\" >T-550-13<\/a><\/h4>\n<div class=\"pt-cv-content\">\u00a0 \u00a0 \u00a0 \u00a0 \u00a0 \u00a0T-550-13 \u00a0 \u00a0 \u00a0 \u00a0 \u00a0 \u00a0\u00a0 Sentencia \u00a0 T-550\/13 \u00a0 \u00a0 DERECHO DE ACCESO AL SERVICIO DE SALUD QUE SE REQUIERE \u00a0 CON NECESIDAD-Reiteraci\u00f3n de \u00a0 jurisprudencia \u00a0 \u00a0 De acuerdo a la reiterada jurisprudencia constitucional, como parte del derecho \u00a0 fundamental a la salud, toda persona tiene el derecho a que se le garantice el \u00a0 acceso efectivo a los servicios que requiera con necesidad, es decir, servicios \u00a0 indispensables para conservar su salud, integridad y la vida en condiciones \u00a0 dignas. \u00a0 \u00a0 CONCEPTO CIENTIFICO DEL MEDICO TRATANTE-Es el principal criterio para ...<br \/><div class=\"pt-cv-rmwrap\"><a href=\"https:\/\/www.dmsjuridica.com\/buscador_20179478954\/corteconstitucionalcronologico202454587\/t-550-13\/\" class=\"_self pt-cv-readmore btn btn-success\" target=\"_self\">Ver Sentencia Completa...<\/a><\/div><\/div><\/div><\/div>\n<div class=\"col-md-12 col-sm-12 col-xs-12 pt-cv-content-item pt-cv-1-col\" ><div class='pt-cv-ifield'><a href=\"https:\/\/www.dmsjuridica.com\/buscador_20179478954\/corteconstitucionalcronologico202454587\/t-549-13\/\" class=\"_self pt-cv-href-thumbnail pt-cv-thumb-default\" target=\"_self\" ><\/a>\n<div class=\"pt-cv-taxoterm above_title\"><a href='https:\/\/www.dmsjuridica.com\/buscador_20179478954\/corteconstitucionalcronologico202454587\/category\/buscar-en-toda-la-corte\/2013\/tutelas-2013\/' title='Tutelas 2013' class='pt-cv-tax-tutelas-2013'>Tutelas 2013<\/a><\/div>\n<h4 class=\"pt-cv-title\"><a href=\"https:\/\/www.dmsjuridica.com\/buscador_20179478954\/corteconstitucionalcronologico202454587\/t-549-13\/\" class=\"_self\" target=\"_self\" >T-549-13<\/a><\/h4>\n<div class=\"pt-cv-content\">\u00a0 \u00a0 \u00a0 \u00a0 \u00a0 \u00a0T-549-13 \u00a0 \u00a0 \u00a0 \u00a0 \u00a0 \u00a0\u00a0 Sentencia T-549\/13 \u00a0 \u00a0\u00a0 USUARIOS DEL SISTEMA DE SEGURIDAD \u00a0 SOCIAL EN SALUD-Tienen \u00a0 derecho a acceder a los servicios de salud que requieran, est\u00e9n o no incluidos \u00a0 en el Pos \u00a0 \u00a0 DERECHO DE ACCESO AL SERVICIO DE SALUD QUE SE REQUIERE \u00a0 CON NECESIDAD-Suministro de pa\u00f1ales\/DERECHO \u00a0 A LA VIDA DIGNA-Cuando se trata de suministro de pa\u00f1ales desechables, no es \u00a0 aceptable exigir someterse a ex\u00e1menes diagn\u00f3sticos para determinar la necesidad \u00a0 de ordenarlos \u00a0 \u00a0 De conformidad con reiterada jurisprudencia constitucional, un usuario del ...<br \/><div class=\"pt-cv-rmwrap\"><a href=\"https:\/\/www.dmsjuridica.com\/buscador_20179478954\/corteconstitucionalcronologico202454587\/t-549-13\/\" class=\"_self pt-cv-readmore btn btn-success\" target=\"_self\">Ver Sentencia Completa...<\/a><\/div><\/div><\/div><\/div>\n<div class=\"col-md-12 col-sm-12 col-xs-12 pt-cv-content-item pt-cv-1-col\" ><div class='pt-cv-ifield'><a href=\"https:\/\/www.dmsjuridica.com\/buscador_20179478954\/corteconstitucionalcronologico202454587\/t-548-13\/\" class=\"_self pt-cv-href-thumbnail pt-cv-thumb-default\" target=\"_self\" ><\/a>\n<div class=\"pt-cv-taxoterm above_title\"><a href='https:\/\/www.dmsjuridica.com\/buscador_20179478954\/corteconstitucionalcronologico202454587\/category\/buscar-en-toda-la-corte\/2013\/tutelas-2013\/' title='Tutelas 2013' class='pt-cv-tax-tutelas-2013'>Tutelas 2013<\/a><\/div>\n<h4 class=\"pt-cv-title\"><a href=\"https:\/\/www.dmsjuridica.com\/buscador_20179478954\/corteconstitucionalcronologico202454587\/t-548-13\/\" class=\"_self\" target=\"_self\" >T-548-13<\/a><\/h4>\n<div class=\"pt-cv-content\">\u00a0 \u00a0 \u00a0 \u00a0 \u00a0 \u00a0T-548-13 \u00a0 \u00a0 \u00a0 \u00a0 \u00a0 \u00a0\u00a0 Sentencia T-548\/13 \u00a0 \u00a0 JURISDICCION INDIGENA-Fundamentos constitucionales \u00a0 \u00a0 EJERCICIO DE LA JURISDICCION INDIGENA-Protecci\u00f3n por el derecho internacional de los derechos humanos \u00a0 \u00a0 El ejercicio \u00a0 de la jurisdicci\u00f3n ind\u00edgena se encuentra protegido por el derecho internacional \u00a0 de los derechos humanos. Al respecto diferentes disposiciones del Convenio 169 \u00a0 de la OIT, el cual de conformidad con la jurisprudencia de esta Corte forma \u00a0 parte del bloque de constitucionalidad, garantiza el derecho de los pueblos \u00a0 ind\u00edgenas a ejercer jurisdicci\u00f3n en los casos en los que ...<br \/><div class=\"pt-cv-rmwrap\"><a href=\"https:\/\/www.dmsjuridica.com\/buscador_20179478954\/corteconstitucionalcronologico202454587\/t-548-13\/\" class=\"_self pt-cv-readmore btn btn-success\" target=\"_self\">Ver Sentencia Completa...<\/a><\/div><\/div><\/div><\/div>\n<div class=\"col-md-12 col-sm-12 col-xs-12 pt-cv-content-item pt-cv-1-col\" ><div class='pt-cv-ifield'><a href=\"https:\/\/www.dmsjuridica.com\/buscador_20179478954\/corteconstitucionalcronologico202454587\/t-547-13\/\" class=\"_self pt-cv-href-thumbnail pt-cv-thumb-default\" target=\"_self\" ><\/a>\n<div class=\"pt-cv-taxoterm above_title\"><a href='https:\/\/www.dmsjuridica.com\/buscador_20179478954\/corteconstitucionalcronologico202454587\/category\/buscar-en-toda-la-corte\/2013\/tutelas-2013\/' title='Tutelas 2013' class='pt-cv-tax-tutelas-2013'>Tutelas 2013<\/a><\/div>\n<h4 class=\"pt-cv-title\"><a href=\"https:\/\/www.dmsjuridica.com\/buscador_20179478954\/corteconstitucionalcronologico202454587\/t-547-13\/\" class=\"_self\" target=\"_self\" >T-547-13<\/a><\/h4>\n<div class=\"pt-cv-content\">\u00a0 \u00a0 \u00a0 \u00a0 \u00a0 \u00a0T-547-13 \u00a0 \u00a0 \u00a0 \u00a0 \u00a0 \u00a0\u00a0 Sentencia T-547\/13 \u00a0 \u00a0 DERECHO FUNDAMENTAL A LA \u00a0 ESTABILIDAD LABORAL REFORZADA DE QUIENES SE ENCUENTRAN EN CIRCUNSTANCIAS DE \u00a0 DEBILIDAD MANIFIESTA O INDEFENSION-L\u00ednea jurisprudencial \u00a0 \u00a0 La Jurisprudencia \u00a0 constitucional ha sido enf\u00e1tica al establecer que quienes sean titulares del \u00a0 derecho a la estabilidad laboral reforzada se benefician de dos normas de \u00a0 car\u00e1cter fundamental: en primer lugar, de la prohibici\u00f3n que pesa sobre el \u00a0 empleador de despedir o terminarle su contrato a una \u201cpersona limitada[,\u00a0 \u00a0 p]or raz\u00f3n de su limitaci\u00f3n o disminuida en ...<br \/><div class=\"pt-cv-rmwrap\"><a href=\"https:\/\/www.dmsjuridica.com\/buscador_20179478954\/corteconstitucionalcronologico202454587\/t-547-13\/\" class=\"_self pt-cv-readmore btn btn-success\" target=\"_self\">Ver Sentencia Completa...<\/a><\/div><\/div><\/div><\/div>\n<div class=\"col-md-12 col-sm-12 col-xs-12 pt-cv-content-item pt-cv-1-col\" ><div class='pt-cv-ifield'><a href=\"https:\/\/www.dmsjuridica.com\/buscador_20179478954\/corteconstitucionalcronologico202454587\/t-546-13\/\" class=\"_self pt-cv-href-thumbnail pt-cv-thumb-default\" target=\"_self\" ><\/a>\n<div class=\"pt-cv-taxoterm above_title\"><a href='https:\/\/www.dmsjuridica.com\/buscador_20179478954\/corteconstitucionalcronologico202454587\/category\/buscar-en-toda-la-corte\/2013\/tutelas-2013\/' title='Tutelas 2013' class='pt-cv-tax-tutelas-2013'>Tutelas 2013<\/a><\/div>\n<h4 class=\"pt-cv-title\"><a href=\"https:\/\/www.dmsjuridica.com\/buscador_20179478954\/corteconstitucionalcronologico202454587\/t-546-13\/\" class=\"_self\" target=\"_self\" >T-546-13<\/a><\/h4>\n<div class=\"pt-cv-content\">\u00a0 \u00a0 \u00a0 \u00a0 \u00a0 \u00a0T-546-13 \u00a0 \u00a0 \u00a0 \u00a0 \u00a0 \u00a0\u00a0 Sentencia \u00a0 T-546\/13 \u00a0 \u00a0 DERECHO FUNDAMENTAL A LA EDUCACION-Reiteraci\u00f3n de jurisprudencia\/DERECHO A LA \u00a0 EDUCACION-Caracter\u00edsticas y componentes \u00a0 \u00a0 En el mundo actual el acceso al conocimiento y a la \u00a0 formaci\u00f3n acad\u00e9mica constituyen los fundamentos esenciales para el desarrollo de \u00a0 conocimientos cient\u00edficos, hist\u00f3ricos, morales, sociales, culturales, \u00a0 geogr\u00e1ficos, tecnol\u00f3gicos, entre otros, que propenden por el desarrollo \u00a0 individual de cada persona, en aras a que pueda aportar a la sociedad el respeto \u00a0 y protecci\u00f3n de los derechos humanos y las libertades fundamentales. La \u00a0 ...<br \/><div class=\"pt-cv-rmwrap\"><a href=\"https:\/\/www.dmsjuridica.com\/buscador_20179478954\/corteconstitucionalcronologico202454587\/t-546-13\/\" class=\"_self pt-cv-readmore btn btn-success\" target=\"_self\">Ver Sentencia Completa...<\/a><\/div><\/div><\/div><\/div>\n<div class=\"col-md-12 col-sm-12 col-xs-12 pt-cv-content-item pt-cv-1-col\" ><div class='pt-cv-ifield'><a href=\"https:\/\/www.dmsjuridica.com\/buscador_20179478954\/corteconstitucionalcronologico202454587\/t-545-13\/\" class=\"_self pt-cv-href-thumbnail pt-cv-thumb-default\" target=\"_self\" ><\/a>\n<div class=\"pt-cv-taxoterm above_title\"><a href='https:\/\/www.dmsjuridica.com\/buscador_20179478954\/corteconstitucionalcronologico202454587\/category\/buscar-en-toda-la-corte\/2013\/tutelas-2013\/' title='Tutelas 2013' class='pt-cv-tax-tutelas-2013'>Tutelas 2013<\/a><\/div>\n<h4 class=\"pt-cv-title\"><a href=\"https:\/\/www.dmsjuridica.com\/buscador_20179478954\/corteconstitucionalcronologico202454587\/t-545-13\/\" class=\"_self\" target=\"_self\" >T-545-13<\/a><\/h4>\n<div class=\"pt-cv-content\">\u00a0 \u00a0 \u00a0 \u00a0 \u00a0 \u00a0T-545-13 \u00a0 \u00a0 \u00a0 \u00a0 \u00a0 \u00a0\u00a0 LEGITIMACION POR ACTIVA EN TUTELA-Compa\u00f1era permanente en representaci\u00f3n de compa\u00f1ero \u00a0 \u00a0 La legitimaci\u00f3n de la accionante, quien act\u00faa en calidad de compa\u00f1era permanente del se\u00f1or, \u00a0se encuentra plenamente probada, toda vez que \u00a0 ha sido la persona que lo ha asistido desde el momento del accidente de tr\u00e1nsito \u00a0 y durante su proceso de recuperaci\u00f3n, acudiendo a todas las instancias para \u00a0 asegurar su protecci\u00f3n, toda vez que el agenciado se encontraba imposibilitado \u00a0 para acudir directamente a la jurisdicci\u00f3n, por encontrarse en la unidad de \u00a0 ...<br \/><div class=\"pt-cv-rmwrap\"><a href=\"https:\/\/www.dmsjuridica.com\/buscador_20179478954\/corteconstitucionalcronologico202454587\/t-545-13\/\" class=\"_self pt-cv-readmore btn btn-success\" target=\"_self\">Ver Sentencia Completa...<\/a><\/div><\/div><\/div><\/div>\n<div class=\"col-md-12 col-sm-12 col-xs-12 pt-cv-content-item pt-cv-1-col\" ><div class='pt-cv-ifield'><a href=\"https:\/\/www.dmsjuridica.com\/buscador_20179478954\/corteconstitucionalcronologico202454587\/t-544-13\/\" class=\"_self pt-cv-href-thumbnail pt-cv-thumb-default\" target=\"_self\" ><\/a>\n<div class=\"pt-cv-taxoterm above_title\"><a href='https:\/\/www.dmsjuridica.com\/buscador_20179478954\/corteconstitucionalcronologico202454587\/category\/buscar-en-toda-la-corte\/2013\/tutelas-2013\/' title='Tutelas 2013' class='pt-cv-tax-tutelas-2013'>Tutelas 2013<\/a><\/div>\n<h4 class=\"pt-cv-title\"><a href=\"https:\/\/www.dmsjuridica.com\/buscador_20179478954\/corteconstitucionalcronologico202454587\/t-544-13\/\" class=\"_self\" target=\"_self\" >T-544-13<\/a><\/h4>\n<div class=\"pt-cv-content\">\u00a0 \u00a0 \u00a0 \u00a0 \u00a0 \u00a0T-544-13 \u00a0 \u00a0 \u00a0 \u00a0 \u00a0 \u00a0\u00a0 Sentencia T-544\/13 \u00a0 \u00a0 ACCION DE TUTELA PARA RECONOCIMIENTO Y PAGO DE \u00a0 PRESTACIONES SOCIALES-Improcedencia \u00a0 general \u00a0 \u00a0 PRINCIPIO DE SUBSIDIARIEDAD E INMEDIATEZ EN LA ACCION \u00a0 DE TUTELA-Requisitos de procedibilidad \u00a0 \u00a0 ACCION DE TUTELA PARA RECONOCIMIENTO DE ACREENCIAS \u00a0 LABORALES-Improcedencia general para \u00a0 solicitar prestaciones laborales de contenido econ\u00f3mico diferentes al salario y \u00a0 por no existir perjuicio irremediable \u00a0 \u00a0 La Corte ha sido clara en precisar que en principio, el \u00a0 reconocimiento de acreencias laborales mediante acci\u00f3n de tutela resulta \u00a0 improcedente, pues ...<br \/><div class=\"pt-cv-rmwrap\"><a href=\"https:\/\/www.dmsjuridica.com\/buscador_20179478954\/corteconstitucionalcronologico202454587\/t-544-13\/\" class=\"_self pt-cv-readmore btn btn-success\" target=\"_self\">Ver Sentencia Completa...<\/a><\/div><\/div><\/div><\/div>\n<div class=\"col-md-12 col-sm-12 col-xs-12 pt-cv-content-item pt-cv-1-col\" ><div class='pt-cv-ifield'><a href=\"https:\/\/www.dmsjuridica.com\/buscador_20179478954\/corteconstitucionalcronologico202454587\/t-542-13\/\" class=\"_self pt-cv-href-thumbnail pt-cv-thumb-default\" target=\"_self\" ><\/a>\n<div class=\"pt-cv-taxoterm above_title\"><a href='https:\/\/www.dmsjuridica.com\/buscador_20179478954\/corteconstitucionalcronologico202454587\/category\/buscar-en-toda-la-corte\/2013\/tutelas-2013\/' title='Tutelas 2013' class='pt-cv-tax-tutelas-2013'>Tutelas 2013<\/a><\/div>\n<h4 class=\"pt-cv-title\"><a href=\"https:\/\/www.dmsjuridica.com\/buscador_20179478954\/corteconstitucionalcronologico202454587\/t-542-13\/\" class=\"_self\" target=\"_self\" >T-542-13<\/a><\/h4>\n<div class=\"pt-cv-content\">\u00a0 \u00a0 \u00a0 \u00a0 \u00a0 \u00a0T-542-13 \u00a0 \u00a0 \u00a0 \u00a0 \u00a0 \u00a0\u00a0 Sentencia T-542\/13 \u00a0 \u00a0 ACCION DE \u00a0 TUTELA PARA RECONOCIMIENTO DE SUSTITUCION PENSIONAL O PENSION SUSTITUTIVA-Procedencia \u00a0 excepcional \u00a0 \u00a0 El \u00a0 reconocimiento de una pensi\u00f3n mediante acci\u00f3n de tutela resulta improcedente, en \u00a0 principio, pues el ordenamiento jur\u00eddico nacional ha instituido medios \u00a0 comunes para la atenci\u00f3n de situaciones de ese origen, en la jurisdicci\u00f3n \u00a0 laboral ordinaria o en la contencioso administrativa, seg\u00fan el caso. De tal \u00a0 manera, como los conflictos jur\u00eddicos en materia de sustituci\u00f3n pensional tienen \u00a0 una v\u00eda espec\u00edfica de defensa, s\u00f3lo ...<br \/><div class=\"pt-cv-rmwrap\"><a href=\"https:\/\/www.dmsjuridica.com\/buscador_20179478954\/corteconstitucionalcronologico202454587\/t-542-13\/\" class=\"_self pt-cv-readmore btn btn-success\" target=\"_self\">Ver Sentencia Completa...<\/a><\/div><\/div><\/div><\/div>\n<div class=\"col-md-12 col-sm-12 col-xs-12 pt-cv-content-item pt-cv-1-col\" ><div class='pt-cv-ifield'><a href=\"https:\/\/www.dmsjuridica.com\/buscador_20179478954\/corteconstitucionalcronologico202454587\/t-541-13\/\" class=\"_self pt-cv-href-thumbnail pt-cv-thumb-default\" target=\"_self\" ><\/a>\n<div class=\"pt-cv-taxoterm above_title\"><a href='https:\/\/www.dmsjuridica.com\/buscador_20179478954\/corteconstitucionalcronologico202454587\/category\/buscar-en-toda-la-corte\/2013\/tutelas-2013\/' title='Tutelas 2013' class='pt-cv-tax-tutelas-2013'>Tutelas 2013<\/a><\/div>\n<h4 class=\"pt-cv-title\"><a href=\"https:\/\/www.dmsjuridica.com\/buscador_20179478954\/corteconstitucionalcronologico202454587\/t-541-13\/\" class=\"_self\" target=\"_self\" >T-541-13<\/a><\/h4>\n<div class=\"pt-cv-content\">\u00a0 \u00a0 \u00a0 \u00a0 \u00a0 \u00a0T-541-13 \u00a0 \u00a0 \u00a0 \u00a0 \u00a0 \u00a0\u00a0 Sentencia \u00a0 T-541\/13 \u00a0 \u00a0 DERECHO AL \u00a0 CONSUMO DE AGUA POTABLE-Fundamental \u00a0 aut\u00f3nomo\/DERECHO FUNDAMENTAL AL AGUA-Protecci\u00f3n internacional \u00a0 \u00a0 i) El \u00a0 derecho al acceso al agua potable es un derecho fundamental aut\u00f3nomo del que \u00a0 gozan todas las personas, (ii) a su vez, esta garant\u00eda posibilita la \u00a0 satisfacci\u00f3n de los derechos a la vida, a la dignidad humana, a la salud y a la \u00a0 vivienda digna. \u00a0 \u00a0 DERECHO \u00a0 FUNDAMENTAL AL AGUA-Obligaciones del \u00a0 Estado para garantizar disponibilidad, accesibilidad, calidad del servicio de ...<br \/><div class=\"pt-cv-rmwrap\"><a href=\"https:\/\/www.dmsjuridica.com\/buscador_20179478954\/corteconstitucionalcronologico202454587\/t-541-13\/\" class=\"_self pt-cv-readmore btn btn-success\" target=\"_self\">Ver Sentencia Completa...<\/a><\/div><\/div><\/div><\/div>\n<div class=\"col-md-12 col-sm-12 col-xs-12 pt-cv-content-item pt-cv-1-col\" ><div class='pt-cv-ifield'><a href=\"https:\/\/www.dmsjuridica.com\/buscador_20179478954\/corteconstitucionalcronologico202454587\/t-540-13\/\" class=\"_self pt-cv-href-thumbnail pt-cv-thumb-default\" target=\"_self\" ><\/a>\n<div class=\"pt-cv-taxoterm above_title\"><a href='https:\/\/www.dmsjuridica.com\/buscador_20179478954\/corteconstitucionalcronologico202454587\/category\/buscar-en-toda-la-corte\/2013\/tutelas-2013\/' title='Tutelas 2013' class='pt-cv-tax-tutelas-2013'>Tutelas 2013<\/a><\/div>\n<h4 class=\"pt-cv-title\"><a href=\"https:\/\/www.dmsjuridica.com\/buscador_20179478954\/corteconstitucionalcronologico202454587\/t-540-13\/\" class=\"_self\" target=\"_self\" >T-540-13<\/a><\/h4>\n<div class=\"pt-cv-content\">\u00a0 \u00a0 \u00a0 \u00a0 \u00a0 \u00a0T-540-13 \u00a0 \u00a0 \u00a0 \u00a0 \u00a0 \u00a0\u00a0 Sentencia \u00a0 T-540\/13 \u00a0 \u00a0 PRINCIPIO DE \u00a0 INMEDIATEZ EN ACCION DE TUTELA-T\u00e9rmino razonable y oportuno \u00a0 \u00a0 Si bien no existe \u00a0 un t\u00e9rmino de caducidad para la presentaci\u00f3n de la acci\u00f3n de tutela, es decir, \u00a0 \u00e9sta puede ser interpuesta en cualquier tiempo, esta Corporaci\u00f3n ha considerado \u00a0 que dada su naturaleza cautelar, la petici\u00f3n de amparo debe ser interpuesta en \u00a0 un plazo razonable dentro del cual se presuma que la afectaci\u00f3n del derecho \u00a0 fundamental es inminente y realmente produce un da\u00f1o palpable. Lo ...<br \/><div class=\"pt-cv-rmwrap\"><a href=\"https:\/\/www.dmsjuridica.com\/buscador_20179478954\/corteconstitucionalcronologico202454587\/t-540-13\/\" class=\"_self pt-cv-readmore btn btn-success\" target=\"_self\">Ver Sentencia Completa...<\/a><\/div><\/div><\/div><\/div>\n<div class=\"col-md-12 col-sm-12 col-xs-12 pt-cv-content-item pt-cv-1-col\" ><div class='pt-cv-ifield'><a href=\"https:\/\/www.dmsjuridica.com\/buscador_20179478954\/corteconstitucionalcronologico202454587\/t-539-13\/\" class=\"_self pt-cv-href-thumbnail pt-cv-thumb-default\" target=\"_self\" ><\/a>\n<div class=\"pt-cv-taxoterm above_title\"><a href='https:\/\/www.dmsjuridica.com\/buscador_20179478954\/corteconstitucionalcronologico202454587\/category\/buscar-en-toda-la-corte\/2013\/tutelas-2013\/' title='Tutelas 2013' class='pt-cv-tax-tutelas-2013'>Tutelas 2013<\/a><\/div>\n<h4 class=\"pt-cv-title\"><a href=\"https:\/\/www.dmsjuridica.com\/buscador_20179478954\/corteconstitucionalcronologico202454587\/t-539-13\/\" class=\"_self\" target=\"_self\" >T-539-13<\/a><\/h4>\n<div class=\"pt-cv-content\">\u00a0 \u00a0 \u00a0 \u00a0 \u00a0 \u00a0T-539-13 \u00a0 \u00a0 \u00a0 \u00a0 \u00a0 \u00a0\u00a0 Sentencia T-539\/13 \u00a0 \u00a0 DERECHO FUNDAMENTAL A LA SALUD-Naturaleza y alcance \u00a0 \u00a0 DERECHO A LA SALUD COMO DERECHO FUNDAMENTAL AUTONOMO-Reiteraci\u00f3n de jurisprudencia \u00a0 \u00a0 El derecho a la salud es \u00a0 fundamental de manera aut\u00f3noma, de acuerdo con la jurisprudencia constitucional, \u00a0 su contenido m\u00ednimo as\u00ed como aquellos contenidos definidos por v\u00edas normativos \u00a0 como la ley y la jurisprudencia son de inmediato cumplimiento. Los dem\u00e1s \u00a0 contenidos deben irse ampliando y desarrollando paulatinamente conforme al \u00a0 principio de progresividad y no regresi\u00f3n. \u00a0 \u00a0 DERECHO FUNDAMENTAL ...<br \/><div class=\"pt-cv-rmwrap\"><a href=\"https:\/\/www.dmsjuridica.com\/buscador_20179478954\/corteconstitucionalcronologico202454587\/t-539-13\/\" class=\"_self pt-cv-readmore btn btn-success\" target=\"_self\">Ver Sentencia Completa...<\/a><\/div><\/div><\/div><\/div>\n<div class=\"col-md-12 col-sm-12 col-xs-12 pt-cv-content-item pt-cv-1-col\" ><div class='pt-cv-ifield'><a href=\"https:\/\/www.dmsjuridica.com\/buscador_20179478954\/corteconstitucionalcronologico202454587\/t-538-13\/\" class=\"_self pt-cv-href-thumbnail pt-cv-thumb-default\" target=\"_self\" ><\/a>\n<div class=\"pt-cv-taxoterm above_title\"><a href='https:\/\/www.dmsjuridica.com\/buscador_20179478954\/corteconstitucionalcronologico202454587\/category\/buscar-en-toda-la-corte\/2013\/tutelas-2013\/' title='Tutelas 2013' class='pt-cv-tax-tutelas-2013'>Tutelas 2013<\/a><\/div>\n<h4 class=\"pt-cv-title\"><a href=\"https:\/\/www.dmsjuridica.com\/buscador_20179478954\/corteconstitucionalcronologico202454587\/t-538-13\/\" class=\"_self\" target=\"_self\" >T-538-13<\/a><\/h4>\n<div class=\"pt-cv-content\">\u00a0 \u00a0 \u00a0 \u00a0 \u00a0 \u00a0T-538-13 \u00a0 \u00a0 \u00a0 \u00a0 \u00a0 \u00a0\u00a0 Sentencia T-538\/13 \u00a0 \u00a0 ACCION DE \u00a0 TUTELA PARA EL RECONOCIMIENTO DE INDEMNIZACION SUSTITUTIVA DE PENSION DE VEJEZ-Procedencia \u00a0 cuando afecta m\u00ednimo vital y dem\u00e1s derechos de personas de la tercera edad \u00a0 \u00a0 Excepcionalmente esta \u00a0 corporaci\u00f3n ha aceptado la viabilidad del amparo constitucional en aquellos \u00a0 eventos en los que otros medios de defensa judicial no son aptos ni expeditos \u00a0 para contrarrestar eficazmente la amenaza o vulneraci\u00f3n de derechos \u00a0 fundamentales, resultando id\u00f3neo acudir a la acci\u00f3n de tutela para conseguir el \u00a0 amparo de ...<br \/><div class=\"pt-cv-rmwrap\"><a href=\"https:\/\/www.dmsjuridica.com\/buscador_20179478954\/corteconstitucionalcronologico202454587\/t-538-13\/\" class=\"_self pt-cv-readmore btn btn-success\" target=\"_self\">Ver Sentencia Completa...<\/a><\/div><\/div><\/div><\/div>\n<div class=\"col-md-12 col-sm-12 col-xs-12 pt-cv-content-item pt-cv-1-col\" ><div class='pt-cv-ifield'><a href=\"https:\/\/www.dmsjuridica.com\/buscador_20179478954\/corteconstitucionalcronologico202454587\/t-537-13\/\" class=\"_self pt-cv-href-thumbnail pt-cv-thumb-default\" target=\"_self\" ><\/a>\n<div class=\"pt-cv-taxoterm above_title\"><a href='https:\/\/www.dmsjuridica.com\/buscador_20179478954\/corteconstitucionalcronologico202454587\/category\/buscar-en-toda-la-corte\/2013\/tutelas-2013\/' title='Tutelas 2013' class='pt-cv-tax-tutelas-2013'>Tutelas 2013<\/a><\/div>\n<h4 class=\"pt-cv-title\"><a href=\"https:\/\/www.dmsjuridica.com\/buscador_20179478954\/corteconstitucionalcronologico202454587\/t-537-13\/\" class=\"_self\" target=\"_self\" >T-537-13<\/a><\/h4>\n<div class=\"pt-cv-content\">\u00a0 \u00a0 \u00a0 \u00a0 \u00a0 \u00a0T-537-13 \u00a0 \u00a0 \u00a0 \u00a0 \u00a0 \u00a0\u00a0 Sentencia T-537\/13 \u00a0 \u00a0 CONCEPTO DE \u00a0 CIUDAD-Conlleva la necesidad de planeaci\u00f3n urbana \u00a0 \u00a0 DESARROLLO \u00a0 URBANO-Poder determinante en formaci\u00f3n y desarrollo del individuo o \u00a0 habitante\/ESTADO Y PLANIFICACION URBANA \u00a0 \u00a0 PLAN DE \u00a0 DESARROLLO URBANO-Recuento normativo de la planeaci\u00f3n de Bogot\u00e1 \u00a0 \u00a0 PLAN DE \u00a0 ORDENAMIENTO TERRITORIAL-Decisiones de \u201carriba abajo\u201d o de participaci\u00f3n \u00a0 democr\u00e1tica \u00a0 \u00a0 PLAN DE \u00a0 ORDENAMIENTO TERRITORIAL-Definici\u00f3n \u00a0 \u00a0 PLAN DE \u00a0 ORDENAMIENTO TERRITORIAL-Participaci\u00f3n democr\u00e1tica conlleva concertaci\u00f3n o \u00a0 acuerdo con los pobladores para el ordenamiento de sus territorios ...<br \/><div class=\"pt-cv-rmwrap\"><a href=\"https:\/\/www.dmsjuridica.com\/buscador_20179478954\/corteconstitucionalcronologico202454587\/t-537-13\/\" class=\"_self pt-cv-readmore btn btn-success\" target=\"_self\">Ver Sentencia Completa...<\/a><\/div><\/div><\/div><\/div>\n<div class=\"col-md-12 col-sm-12 col-xs-12 pt-cv-content-item pt-cv-1-col\" ><div class='pt-cv-ifield'><a href=\"https:\/\/www.dmsjuridica.com\/buscador_20179478954\/corteconstitucionalcronologico202454587\/t-536-13\/\" class=\"_self pt-cv-href-thumbnail pt-cv-thumb-default\" target=\"_self\" ><\/a>\n<div class=\"pt-cv-taxoterm above_title\"><a href='https:\/\/www.dmsjuridica.com\/buscador_20179478954\/corteconstitucionalcronologico202454587\/category\/buscar-en-toda-la-corte\/2013\/tutelas-2013\/' title='Tutelas 2013' class='pt-cv-tax-tutelas-2013'>Tutelas 2013<\/a><\/div>\n<h4 class=\"pt-cv-title\"><a href=\"https:\/\/www.dmsjuridica.com\/buscador_20179478954\/corteconstitucionalcronologico202454587\/t-536-13\/\" class=\"_self\" target=\"_self\" >T-536-13<\/a><\/h4>\n<div class=\"pt-cv-content\">\u00a0 \u00a0 \u00a0 \u00a0 \u00a0 \u00a0T-536-13 \u00a0 \u00a0 \u00a0 \u00a0 \u00a0 \u00a0\u00a0 Sentencia T-536\/13 \u00a0 \u00a0 JURISPRUDENCIA CONSTITUCIONAL SOBRE LA CARENCIA ACTUAL \u00a0 DE OBJETO-Hecho superado y da\u00f1o \u00a0 consumado \u00a0 \u00a0 ACCION DE TUTELA PARA RECONOCIMIENTO DE PENSION DE \u00a0 INVALIDEZ-Procedencia excepcional por \u00a0 afectaci\u00f3n al m\u00ednimo vital y vida digna de sujetos de especial protecci\u00f3n \u00a0 \u00a0 CARENCIA ACTUAL DE OBJETO POR HECHO SUPERADO-Reconocimiento pensi\u00f3n de invalidez a ex soldado \u00a0 profesional \u00a0 \u00a0 Referencia: expediente T-3933949. \u00a0 \u00a0 Acci\u00f3n de tutela instaurada por Fayuris Yorieth S\u00e1nchez \u00a0 Hurtado actuando como agente oficiosa de \u00c1lvaro Enrique Castro Ibarra, ...<br \/><div class=\"pt-cv-rmwrap\"><a href=\"https:\/\/www.dmsjuridica.com\/buscador_20179478954\/corteconstitucionalcronologico202454587\/t-536-13\/\" class=\"_self pt-cv-readmore btn btn-success\" target=\"_self\">Ver Sentencia Completa...<\/a><\/div><\/div><\/div><\/div>\n<div class=\"col-md-12 col-sm-12 col-xs-12 pt-cv-content-item pt-cv-1-col\" ><div class='pt-cv-ifield'><a href=\"https:\/\/www.dmsjuridica.com\/buscador_20179478954\/corteconstitucionalcronologico202454587\/t-534-13\/\" class=\"_self pt-cv-href-thumbnail pt-cv-thumb-default\" target=\"_self\" ><\/a>\n<div class=\"pt-cv-taxoterm above_title\"><a href='https:\/\/www.dmsjuridica.com\/buscador_20179478954\/corteconstitucionalcronologico202454587\/category\/buscar-en-toda-la-corte\/2013\/tutelas-2013\/' title='Tutelas 2013' class='pt-cv-tax-tutelas-2013'>Tutelas 2013<\/a><\/div>\n<h4 class=\"pt-cv-title\"><a href=\"https:\/\/www.dmsjuridica.com\/buscador_20179478954\/corteconstitucionalcronologico202454587\/t-534-13\/\" class=\"_self\" target=\"_self\" >T-534-13<\/a><\/h4>\n<div class=\"pt-cv-content\">\u00a0 \u00a0 \u00a0 \u00a0 \u00a0 \u00a0T-534-13 \u00a0 \u00a0 \u00a0 \u00a0 \u00a0 \u00a0\u00a0 Sentencia T-534\/13 \u00a0 \u00a0 ACCION DE TUTELA CONTRA EMPRESA PARTICULAR DEL SISTEMA \u00a0 FINANCIERO Y ASEGURADOR-Reiteraci\u00f3n de \u00a0 jurisprudencia sobre su procedencia \u00a0 \u00a0 ACCION DE TUTELA CONTRA PARTICULARES CUANDO EL AFECTADO \u00a0 SE ENCUENTRA EN ESTADO DE INDEFENSION-Frente a entidades particulares del sistema financiero \u00a0 y asegurador \u00a0 \u00a0 Todo ciudadano est\u00e1 facultado para presentar acci\u00f3n de tutela, por s\u00ed mismo o \u00a0 por interpuesta persona, con el fin de reclamar ante los jueces de la Rep\u00fablica \u00a0 la protecci\u00f3n inmediata de sus derechos fundamentales que est\u00e9n ...<br \/><div class=\"pt-cv-rmwrap\"><a href=\"https:\/\/www.dmsjuridica.com\/buscador_20179478954\/corteconstitucionalcronologico202454587\/t-534-13\/\" class=\"_self pt-cv-readmore btn btn-success\" target=\"_self\">Ver Sentencia Completa...<\/a><\/div><\/div><\/div><\/div>\n<div class=\"col-md-12 col-sm-12 col-xs-12 pt-cv-content-item pt-cv-1-col\" ><div class='pt-cv-ifield'><a href=\"https:\/\/www.dmsjuridica.com\/buscador_20179478954\/corteconstitucionalcronologico202454587\/t-523-13\/\" class=\"_self pt-cv-href-thumbnail pt-cv-thumb-default\" target=\"_self\" ><\/a>\n<div class=\"pt-cv-taxoterm above_title\"><a href='https:\/\/www.dmsjuridica.com\/buscador_20179478954\/corteconstitucionalcronologico202454587\/category\/buscar-en-toda-la-corte\/2013\/tutelas-2013\/' title='Tutelas 2013' class='pt-cv-tax-tutelas-2013'>Tutelas 2013<\/a><\/div>\n<h4 class=\"pt-cv-title\"><a href=\"https:\/\/www.dmsjuridica.com\/buscador_20179478954\/corteconstitucionalcronologico202454587\/t-523-13\/\" class=\"_self\" target=\"_self\" >T-523-13<\/a><\/h4>\n<div class=\"pt-cv-content\">\u00a0 \u00a0 \u00a0 \u00a0 \u00a0 \u00a0T-523-13 \u00a0 \u00a0 \u00a0 \u00a0 \u00a0 \u00a0\u00a0 Sentencia T-523\/13 \u00a0 \u00a0 (Bogot\u00e1, D.C., \u00a0 agosto 8) \u00a0 \u00a0 ACCION DE TUTELA CONTRA \u00a0 PROVIDENCIAS JUDICIALES-Requisitos generales y especiales de procedibilidad \u00a0 \u00a0 DEFECTO MATERIAL O SUSTANTIVO-Configuraci\u00f3n \u00a0 \u00a0 Esta Corporaci\u00f3n ha reconocido \u00a0 que se configura un defecto sustantivo cuando se decide con base en normas \u00a0 inexistentes, inconstitucionales o que claramente son inaplicables al caso \u00a0 concreto. Cabe recordar que la autonom\u00eda e independencia de las autoridades \u00a0 judiciales no es absoluta, puesto que la tarea de interpretar y aplicar las \u00a0 normas jur\u00eddicas, ...<br \/><div class=\"pt-cv-rmwrap\"><a href=\"https:\/\/www.dmsjuridica.com\/buscador_20179478954\/corteconstitucionalcronologico202454587\/t-523-13\/\" class=\"_self pt-cv-readmore btn btn-success\" target=\"_self\">Ver Sentencia Completa...<\/a><\/div><\/div><\/div><\/div>\n<div class=\"col-md-12 col-sm-12 col-xs-12 pt-cv-content-item pt-cv-1-col\" ><div class='pt-cv-ifield'><a href=\"https:\/\/www.dmsjuridica.com\/buscador_20179478954\/corteconstitucionalcronologico202454587\/t-522-13\/\" class=\"_self pt-cv-href-thumbnail pt-cv-thumb-default\" target=\"_self\" ><\/a>\n<div class=\"pt-cv-taxoterm above_title\"><a href='https:\/\/www.dmsjuridica.com\/buscador_20179478954\/corteconstitucionalcronologico202454587\/category\/buscar-en-toda-la-corte\/2013\/tutelas-2013\/' title='Tutelas 2013' class='pt-cv-tax-tutelas-2013'>Tutelas 2013<\/a><\/div>\n<h4 class=\"pt-cv-title\"><a href=\"https:\/\/www.dmsjuridica.com\/buscador_20179478954\/corteconstitucionalcronologico202454587\/t-522-13\/\" class=\"_self\" target=\"_self\" >T-522-13<\/a><\/h4>\n<div class=\"pt-cv-content\">\u00a0 \u00a0 \u00a0 \u00a0 \u00a0 \u00a0T-522-13 \u00a0 \u00a0 \u00a0 \u00a0 \u00a0 \u00a0\u00a0 Sentencia T-522\/13 \u00a0 \u00a0 (Bogot\u00e1, D.C., \u00a0 Agosto 8) \u00a0 \u00a0 ACCION DE TUTELA CONTRA \u00a0 PROVIDENCIAS JUDICIALES-Requisitos generales y especiales de procedibilidad \u00a0 \u00a0 ACCION DE TUTELA CONTRA \u00a0 PROVIDENCIAS JUDICIALES POR DEFECTO FACTICO-Reiteraci\u00f3n de jurisprudencia \u00a0 \u00a0 DEFECTO FACTICO-Dimensi\u00f3n \u00a0 negativa y positiva \u00a0 \u00a0 ACCION DE TUTELA CONTRA TRIBUNAL \u00a0 ADMINISTRATIVO-Decisi\u00f3n no incurri\u00f3 en defecto f\u00e1ctico por cuanto realiz\u00f3 \u00a0 una acertada valoraci\u00f3n probatoria en proceso contra Instituto Cancerol\u00f3gico \u00a0 \u00a0 \u00a0 \u00a0 \u00a0 \u00a0\u00a0 Referencia: expediente T-3.853.771 \u00a0 \u00a0 Fallos de tutela objeto \u00a0\u00a0 ...<br \/><div class=\"pt-cv-rmwrap\"><a href=\"https:\/\/www.dmsjuridica.com\/buscador_20179478954\/corteconstitucionalcronologico202454587\/t-522-13\/\" class=\"_self pt-cv-readmore btn btn-success\" target=\"_self\">Ver Sentencia Completa...<\/a><\/div><\/div><\/div><\/div>\n<div class=\"col-md-12 col-sm-12 col-xs-12 pt-cv-content-item pt-cv-1-col\" ><div class='pt-cv-ifield'><a href=\"https:\/\/www.dmsjuridica.com\/buscador_20179478954\/corteconstitucionalcronologico202454587\/t-521-13\/\" class=\"_self pt-cv-href-thumbnail pt-cv-thumb-default\" target=\"_self\" ><\/a>\n<div class=\"pt-cv-taxoterm above_title\"><a href='https:\/\/www.dmsjuridica.com\/buscador_20179478954\/corteconstitucionalcronologico202454587\/category\/buscar-en-toda-la-corte\/2013\/tutelas-2013\/' title='Tutelas 2013' class='pt-cv-tax-tutelas-2013'>Tutelas 2013<\/a><\/div>\n<h4 class=\"pt-cv-title\"><a href=\"https:\/\/www.dmsjuridica.com\/buscador_20179478954\/corteconstitucionalcronologico202454587\/t-521-13\/\" class=\"_self\" target=\"_self\" >T-521-13<\/a><\/h4>\n<div class=\"pt-cv-content\">\u00a0 \u00a0 \u00a0 \u00a0 \u00a0 \u00a0T-521-13 \u00a0 \u00a0 \u00a0 \u00a0 \u00a0 \u00a0\u00a0 Sentencia T-521\/13 \u00a0 \u00a0 (Bogot\u00e1, D.C., agosto \u00a0 8) \u00a0 \u00a0 PRINCIPIO DE INMEDIATEZ-Plazo \u00a0 razonable para presentar tutela debe determinarse con base en las circunstancias \u00a0 del caso concreto \u00a0 \u00a0 La acci\u00f3n de tutela tiene como \u00a0 finalidad otorgar una protecci\u00f3n inmediata de los derechos fundamentales de las \u00a0 personas, esto implica que debe ejercerse acorde con esta naturaleza, es as\u00ed, \u00a0 que su interposici\u00f3n debe realizarse de manera oportuna respecto del acto que \u00a0 gener\u00f3 la vulneraci\u00f3n; por el contrario, cuando la acci\u00f3n de tutela ...<br \/><div class=\"pt-cv-rmwrap\"><a href=\"https:\/\/www.dmsjuridica.com\/buscador_20179478954\/corteconstitucionalcronologico202454587\/t-521-13\/\" class=\"_self pt-cv-readmore btn btn-success\" target=\"_self\">Ver Sentencia Completa...<\/a><\/div><\/div><\/div><\/div>\n<div class=\"col-md-12 col-sm-12 col-xs-12 pt-cv-content-item pt-cv-1-col\" ><div class='pt-cv-ifield'><a href=\"https:\/\/www.dmsjuridica.com\/buscador_20179478954\/corteconstitucionalcronologico202454587\/t-520-13\/\" class=\"_self pt-cv-href-thumbnail pt-cv-thumb-default\" target=\"_self\" ><\/a>\n<div class=\"pt-cv-taxoterm above_title\"><a href='https:\/\/www.dmsjuridica.com\/buscador_20179478954\/corteconstitucionalcronologico202454587\/category\/buscar-en-toda-la-corte\/2013\/tutelas-2013\/' title='Tutelas 2013' class='pt-cv-tax-tutelas-2013'>Tutelas 2013<\/a><\/div>\n<h4 class=\"pt-cv-title\"><a href=\"https:\/\/www.dmsjuridica.com\/buscador_20179478954\/corteconstitucionalcronologico202454587\/t-520-13\/\" class=\"_self\" target=\"_self\" >T-520-13<\/a><\/h4>\n<div class=\"pt-cv-content\">\u00a0 \u00a0 \u00a0 \u00a0 \u00a0 \u00a0T-520-13 \u00a0 \u00a0 \u00a0 \u00a0 \u00a0 \u00a0\u00a0 Sentencia T-520\/13 \u00a0 \u00a0 \u00a0(Bogot\u00e1 D.C., \u00a0 agosto 8) \u00a0 \u00a0 ACCION DE TUTELA TEMERARIA-Requisitos \u00a0 para que se configure \u00a0 \u00a0 La jurisprudencia \u00a0 constitucional, ha considerado que se configura una actuaci\u00f3n temeraria cuando \u00a0 al presentarse dos o m\u00e1s tutelas, se re\u00fanen los siguientes requisitos: (i) haya \u00a0 identidad en el accionante; (ii) identidad en el accionado; (iii) identidad de \u00a0 causa pretendi; y (iv) ausencia de justificaci\u00f3n para interponer la \u00a0 nueva acci\u00f3n, es decir, mala fe o abuso del derecho de acceso a la ...<br \/><div class=\"pt-cv-rmwrap\"><a href=\"https:\/\/www.dmsjuridica.com\/buscador_20179478954\/corteconstitucionalcronologico202454587\/t-520-13\/\" class=\"_self pt-cv-readmore btn btn-success\" target=\"_self\">Ver Sentencia Completa...<\/a><\/div><\/div><\/div><\/div>\n<div class=\"col-md-12 col-sm-12 col-xs-12 pt-cv-content-item pt-cv-1-col\" ><div class='pt-cv-ifield'><a href=\"https:\/\/www.dmsjuridica.com\/buscador_20179478954\/corteconstitucionalcronologico202454587\/t-519-13\/\" class=\"_self pt-cv-href-thumbnail pt-cv-thumb-default\" target=\"_self\" ><\/a>\n<div class=\"pt-cv-taxoterm above_title\"><a href='https:\/\/www.dmsjuridica.com\/buscador_20179478954\/corteconstitucionalcronologico202454587\/category\/buscar-en-toda-la-corte\/2013\/tutelas-2013\/' title='Tutelas 2013' class='pt-cv-tax-tutelas-2013'>Tutelas 2013<\/a><\/div>\n<h4 class=\"pt-cv-title\"><a href=\"https:\/\/www.dmsjuridica.com\/buscador_20179478954\/corteconstitucionalcronologico202454587\/t-519-13\/\" class=\"_self\" target=\"_self\" >T-519-13<\/a><\/h4>\n<div class=\"pt-cv-content\">\u00a0 \u00a0 \u00a0 \u00a0 \u00a0 \u00a0T-519-13 \u00a0 \u00a0 \u00a0 \u00a0 \u00a0 \u00a0\u00a0 Sentencia T-519\/13 \u00a0 \u00a0 \u00a0(Bogot\u00e1 D.C., \u00a0 agosto 8) \u00a0 \u00a0 ACCION DE TUTELA-Car\u00e1cter \u00a0 subsidiario y residual por existencia de otro medio de defensa judicial\/ACCION \u00a0 DE TUTELA-Improcedencia para determinar a qui\u00e9n corresponde al pago de \u00a0 aportes o bonos pensionales \u00a0 \u00a0 El amparo constitucional, en principio es improcedente \u00a0 para aquellos casos en que existen mecanismos ordinarios de protecci\u00f3n, como el \u00a0 procedimiento ordinario previsto en la legislaci\u00f3n laboral para resolver este \u00a0 tipo de controversias. Sin embargo, la Corte ha admitido la procedencia \u00a0 ...<br \/><div class=\"pt-cv-rmwrap\"><a href=\"https:\/\/www.dmsjuridica.com\/buscador_20179478954\/corteconstitucionalcronologico202454587\/t-519-13\/\" class=\"_self pt-cv-readmore btn btn-success\" target=\"_self\">Ver Sentencia Completa...<\/a><\/div><\/div><\/div><\/div>\n<div class=\"col-md-12 col-sm-12 col-xs-12 pt-cv-content-item pt-cv-1-col\" ><div class='pt-cv-ifield'><a href=\"https:\/\/www.dmsjuridica.com\/buscador_20179478954\/corteconstitucionalcronologico202454587\/t-518-13\/\" class=\"_self pt-cv-href-thumbnail pt-cv-thumb-default\" target=\"_self\" ><\/a>\n<div class=\"pt-cv-taxoterm above_title\"><a href='https:\/\/www.dmsjuridica.com\/buscador_20179478954\/corteconstitucionalcronologico202454587\/category\/buscar-en-toda-la-corte\/2013\/tutelas-2013\/' title='Tutelas 2013' class='pt-cv-tax-tutelas-2013'>Tutelas 2013<\/a><\/div>\n<h4 class=\"pt-cv-title\"><a href=\"https:\/\/www.dmsjuridica.com\/buscador_20179478954\/corteconstitucionalcronologico202454587\/t-518-13\/\" class=\"_self\" target=\"_self\" >T-518-13<\/a><\/h4>\n<div class=\"pt-cv-content\">\u00a0 \u00a0 \u00a0 \u00a0 \u00a0 \u00a0T-518-13 \u00a0 \u00a0 \u00a0 \u00a0 \u00a0 \u00a0\u00a0 Sentencia \u00a0 T-518\/13 \u00a0 \u00a0 ACCION DE TUTELA \u00a0 CONTRA PROVIDENCIAS JUDICIALES-Fundamento constitucional \u00a0 \u00a0 El art\u00edculo 86 de la Constituci\u00f3n se\u00f1ala que la acci\u00f3n de tutela procede contra \u00a0 toda \u201cacci\u00f3n o la omisi\u00f3n de cualquier autoridad p\u00fablica\u201d. Las autoridades \u00a0 judiciales son autoridades p\u00fablicas que en el ejercicio de sus funciones deben \u00a0 ajustarse a la Constituci\u00f3n y a la ley, y garantizar la efectividad de los \u00a0 principios, deberes y derechos fundamentales reconocidos en ella. Por esta \u00a0 raz\u00f3n, la Corte Constitucional ha admitido la ...<br \/><div class=\"pt-cv-rmwrap\"><a href=\"https:\/\/www.dmsjuridica.com\/buscador_20179478954\/corteconstitucionalcronologico202454587\/t-518-13\/\" class=\"_self pt-cv-readmore btn btn-success\" target=\"_self\">Ver Sentencia Completa...<\/a><\/div><\/div><\/div><\/div>\n<div class=\"col-md-12 col-sm-12 col-xs-12 pt-cv-content-item pt-cv-1-col\" ><div class='pt-cv-ifield'><a href=\"https:\/\/www.dmsjuridica.com\/buscador_20179478954\/corteconstitucionalcronologico202454587\/t-517-13\/\" class=\"_self pt-cv-href-thumbnail pt-cv-thumb-default\" target=\"_self\" ><\/a>\n<div class=\"pt-cv-taxoterm above_title\"><a href='https:\/\/www.dmsjuridica.com\/buscador_20179478954\/corteconstitucionalcronologico202454587\/category\/buscar-en-toda-la-corte\/2013\/tutelas-2013\/' title='Tutelas 2013' class='pt-cv-tax-tutelas-2013'>Tutelas 2013<\/a><\/div>\n<h4 class=\"pt-cv-title\"><a href=\"https:\/\/www.dmsjuridica.com\/buscador_20179478954\/corteconstitucionalcronologico202454587\/t-517-13\/\" class=\"_self\" target=\"_self\" >T-517-13<\/a><\/h4>\n<div class=\"pt-cv-content\">\u00a0 \u00a0 \u00a0 \u00a0 \u00a0 \u00a0T-517-13 \u00a0 \u00a0 \u00a0 \u00a0 \u00a0 \u00a0\u00a0 Sentencia \u00a0 T-517\/13 \u00a0 \u00a0 AGENCIA OFICIOSA EN TUTELA-Abuela en representaci\u00f3n de menor \u00a0 \u00a0 (i) Ante la ausencia de los padres - la madre fallecida y el padre no respondi\u00f3 \u00a0 a sus obligaciones y sin lugar conocido de residencia -\u00a0 (ii) al no existir \u00a0 una persona en condiciones para reclamar la protecci\u00f3n de los derechos \u00a0 fundamentales del ni\u00f1o, la peticionaria se encuentra legitimada por activa para \u00a0 promover el amparo constitucional a nombre de su nieto. \u00a0 \u00a0 DERECHO A LA SALUD Y SEGURIDAD ...<br \/><div class=\"pt-cv-rmwrap\"><a href=\"https:\/\/www.dmsjuridica.com\/buscador_20179478954\/corteconstitucionalcronologico202454587\/t-517-13\/\" class=\"_self pt-cv-readmore btn btn-success\" target=\"_self\">Ver Sentencia Completa...<\/a><\/div><\/div><\/div><\/div>\n<div class=\"col-md-12 col-sm-12 col-xs-12 pt-cv-content-item pt-cv-1-col\" ><div class='pt-cv-ifield'><a href=\"https:\/\/www.dmsjuridica.com\/buscador_20179478954\/corteconstitucionalcronologico202454587\/t-516-13\/\" class=\"_self pt-cv-href-thumbnail pt-cv-thumb-default\" target=\"_self\" ><\/a>\n<div class=\"pt-cv-taxoterm above_title\"><a href='https:\/\/www.dmsjuridica.com\/buscador_20179478954\/corteconstitucionalcronologico202454587\/category\/buscar-en-toda-la-corte\/2013\/tutelas-2013\/' title='Tutelas 2013' class='pt-cv-tax-tutelas-2013'>Tutelas 2013<\/a><\/div>\n<h4 class=\"pt-cv-title\"><a href=\"https:\/\/www.dmsjuridica.com\/buscador_20179478954\/corteconstitucionalcronologico202454587\/t-516-13\/\" class=\"_self\" target=\"_self\" >T-516-13<\/a><\/h4>\n<div class=\"pt-cv-content\">\u00a0 \u00a0 \u00a0 \u00a0 \u00a0 \u00a0T-516-13 \u00a0 \u00a0 \u00a0 \u00a0 \u00a0 \u00a0\u00a0 Sentencia T-516\/13 \u00a0 \u00a0 ACCION DE TUTELA PARA RECONOCIMIENTO DE PENSION DE \u00a0 INVALIDEZ-Procedencia excepcional por \u00a0 afectaci\u00f3n al m\u00ednimo vital y vida digna de sujetos de especial protecci\u00f3n \u00a0 \u00a0 En el estudio de la procedibilidad del amparo tutelar frente a un sujeto de \u00a0 especial protecci\u00f3n, lo primordial es asegurar la eficacia de los derechos \u00a0 inherentes al ser humano y del mismo modo determinar sin lugar a dudas que el \u00a0 peticionario en realidad cumple con el lleno de los requisitos para acceder a la ...<br \/><div class=\"pt-cv-rmwrap\"><a href=\"https:\/\/www.dmsjuridica.com\/buscador_20179478954\/corteconstitucionalcronologico202454587\/t-516-13\/\" class=\"_self pt-cv-readmore btn btn-success\" target=\"_self\">Ver Sentencia Completa...<\/a><\/div><\/div><\/div><\/div>\n<div class=\"col-md-12 col-sm-12 col-xs-12 pt-cv-content-item pt-cv-1-col\" ><div class='pt-cv-ifield'><a href=\"https:\/\/www.dmsjuridica.com\/buscador_20179478954\/corteconstitucionalcronologico202454587\/t-510-13\/\" class=\"_self pt-cv-href-thumbnail pt-cv-thumb-default\" target=\"_self\" ><\/a>\n<div class=\"pt-cv-taxoterm above_title\"><a href='https:\/\/www.dmsjuridica.com\/buscador_20179478954\/corteconstitucionalcronologico202454587\/category\/buscar-en-toda-la-corte\/2013\/tutelas-2013\/' title='Tutelas 2013' class='pt-cv-tax-tutelas-2013'>Tutelas 2013<\/a><\/div>\n<h4 class=\"pt-cv-title\"><a href=\"https:\/\/www.dmsjuridica.com\/buscador_20179478954\/corteconstitucionalcronologico202454587\/t-510-13\/\" class=\"_self\" target=\"_self\" >T-510-13<\/a><\/h4>\n<div class=\"pt-cv-content\">\u00a0 \u00a0 \u00a0 \u00a0 \u00a0 \u00a0T-510-13 \u00a0 \u00a0 \u00a0 \u00a0 \u00a0 \u00a0\u00a0 Sentencia T-510\/13 \u00a0 \u00a0 DERECHO A SALUD, SEGURIDAD SOCIAL Y A LA VIDA DIGNA DE PERSONAS EN \u00a0 SITUACION DE DISCAPACIDAD-Protecci\u00f3n \u00a0 constitucional \u00a0 \u00a0 En \u00a0 m\u00faltiples pronunciamientos esta corporaci\u00f3n ha analizado la seguridad \u00a0 social y la salud, particularmente a partir de lo estatuido en los art\u00edculos 48 \u00a0 y 49 superiores, catalogados en el ac\u00e1pite de los derechos sociales, econ\u00f3micos \u00a0 y culturales; no obstante, a la salud, como parte fundamental de la seguridad \u00a0 social, se le ha reconocido expresamente su car\u00e1cter de derecho ...<br \/><div class=\"pt-cv-rmwrap\"><a href=\"https:\/\/www.dmsjuridica.com\/buscador_20179478954\/corteconstitucionalcronologico202454587\/t-510-13\/\" class=\"_self pt-cv-readmore btn btn-success\" target=\"_self\">Ver Sentencia Completa...<\/a><\/div><\/div><\/div><\/div>\n<div class=\"col-md-12 col-sm-12 col-xs-12 pt-cv-content-item pt-cv-1-col\" ><div class='pt-cv-ifield'><a href=\"https:\/\/www.dmsjuridica.com\/buscador_20179478954\/corteconstitucionalcronologico202454587\/t-509-13\/\" class=\"_self pt-cv-href-thumbnail pt-cv-thumb-default\" target=\"_self\" ><\/a>\n<div class=\"pt-cv-taxoterm above_title\"><a href='https:\/\/www.dmsjuridica.com\/buscador_20179478954\/corteconstitucionalcronologico202454587\/category\/buscar-en-toda-la-corte\/2013\/tutelas-2013\/' title='Tutelas 2013' class='pt-cv-tax-tutelas-2013'>Tutelas 2013<\/a><\/div>\n<h4 class=\"pt-cv-title\"><a href=\"https:\/\/www.dmsjuridica.com\/buscador_20179478954\/corteconstitucionalcronologico202454587\/t-509-13\/\" class=\"_self\" target=\"_self\" >T-509-13<\/a><\/h4>\n<div class=\"pt-cv-content\">\u00a0 \u00a0 \u00a0 \u00a0 \u00a0 \u00a0T-509-13 \u00a0 \u00a0 \u00a0 \u00a0 \u00a0 \u00a0\u00a0 Sentencia T-509\/13 \u00a0 \u00a0 NATURALEZA DEL INCIDENTE DE DESACATO-Jurisprudencia constitucional \u00a0 \u00a0 DERECHOS A LA TUTELA JUDICIAL EFECTIVA, ACCESO A LA ADMINISTRACION DE \u00a0 JUSTICIA Y DEBIDO PROCESO-Vulneraci\u00f3n por incumplimiento de fallo judicial \u00a0 \u00a0 Es claro \u00a0 que una vez el juez ha encontrado vulnerado o amenazado un derecho fundamental, \u00a0 la orden que profiere para protegerlo debe ser cumplida pronta y cabalmente. En \u00a0 este sentido, la Corte ha reiterado que el derecho a la tutela judicial efectiva \u00a0 y al debido proceso, as\u00ed como el ...<br \/><div class=\"pt-cv-rmwrap\"><a href=\"https:\/\/www.dmsjuridica.com\/buscador_20179478954\/corteconstitucionalcronologico202454587\/t-509-13\/\" class=\"_self pt-cv-readmore btn btn-success\" target=\"_self\">Ver Sentencia Completa...<\/a><\/div><\/div><\/div><\/div>\n<div class=\"col-md-12 col-sm-12 col-xs-12 pt-cv-content-item pt-cv-1-col\" ><div class='pt-cv-ifield'><a href=\"https:\/\/www.dmsjuridica.com\/buscador_20179478954\/corteconstitucionalcronologico202454587\/t-508-13\/\" class=\"_self pt-cv-href-thumbnail pt-cv-thumb-default\" target=\"_self\" ><\/a>\n<div class=\"pt-cv-taxoterm above_title\"><a href='https:\/\/www.dmsjuridica.com\/buscador_20179478954\/corteconstitucionalcronologico202454587\/category\/buscar-en-toda-la-corte\/2013\/tutelas-2013\/' title='Tutelas 2013' class='pt-cv-tax-tutelas-2013'>Tutelas 2013<\/a><\/div>\n<h4 class=\"pt-cv-title\"><a href=\"https:\/\/www.dmsjuridica.com\/buscador_20179478954\/corteconstitucionalcronologico202454587\/t-508-13\/\" class=\"_self\" target=\"_self\" >T-508-13<\/a><\/h4>\n<div class=\"pt-cv-content\">\u00a0 \u00a0 \u00a0 \u00a0 \u00a0 \u00a0T-508-13 \u00a0 \u00a0 \u00a0 \u00a0 \u00a0 \u00a0\u00a0 Sentencia T-508\/13 \u00a0 \u00a0 DERECHO FUNDAMENTAL A LA SEGURIDAD SOCIAL Y PROTECCION \u00a0 POR MEDIO DE ACCION DE TUTELA-Reiteraci\u00f3n \u00a0 de jurisprudencia \u00a0 \u00a0 PENSION DE INVALIDEZ-Requisitos seg\u00fan art\u00edculo 39 de la Ley 100\/93 \u00a0 \u00a0 REQUISITO DE FIDELIDAD PARA PENSION DE INVALIDEZ POR \u00a0 ENFERMEDAD COMUN O ACCIDENTE-Declaraci\u00f3n \u00a0 de inexequibilidad en sentencia C-428\/09 \u00a0 \u00a0 PENSION DE INVALIDEZ-Reglas \u00a0 establecidas por la Corte Constitucional para determinar la fecha de \u00a0 estructuraci\u00f3n de la invalidez en los casos de enfermedad degenerativa, cr\u00f3nica \u00a0 o cong\u00e9nita \u00a0 \u00a0 ...<br \/><div class=\"pt-cv-rmwrap\"><a href=\"https:\/\/www.dmsjuridica.com\/buscador_20179478954\/corteconstitucionalcronologico202454587\/t-508-13\/\" class=\"_self pt-cv-readmore btn btn-success\" target=\"_self\">Ver Sentencia Completa...<\/a><\/div><\/div><\/div><\/div>\n<div class=\"col-md-12 col-sm-12 col-xs-12 pt-cv-content-item pt-cv-1-col\" ><div class='pt-cv-ifield'><a href=\"https:\/\/www.dmsjuridica.com\/buscador_20179478954\/corteconstitucionalcronologico202454587\/t-507-13\/\" class=\"_self pt-cv-href-thumbnail pt-cv-thumb-default\" target=\"_self\" ><\/a>\n<div class=\"pt-cv-taxoterm above_title\"><a href='https:\/\/www.dmsjuridica.com\/buscador_20179478954\/corteconstitucionalcronologico202454587\/category\/buscar-en-toda-la-corte\/2013\/tutelas-2013\/' title='Tutelas 2013' class='pt-cv-tax-tutelas-2013'>Tutelas 2013<\/a><\/div>\n<h4 class=\"pt-cv-title\"><a href=\"https:\/\/www.dmsjuridica.com\/buscador_20179478954\/corteconstitucionalcronologico202454587\/t-507-13\/\" class=\"_self\" target=\"_self\" >T-507-13<\/a><\/h4>\n<div class=\"pt-cv-content\">\u00a0 \u00a0 \u00a0 \u00a0 \u00a0 \u00a0T-507-13 \u00a0 \u00a0 \u00a0 \u00a0 \u00a0 \u00a0\u00a0 Sentencia T-507\/13 \u00a0 \u00a0 ACCION DE TUTELA PARA EL \u00a0 RECONOCIMIENTO DE INDEMNIZACION SUSTITUTIVA DE PENSION DE VEJEZ-Procedencia cuando afecta \u00a0 m\u00ednimo vital y dem\u00e1s derechos de personas de la tercera edad \u00a0 \u00a0 INDEMNIZACION SUSTITUTIVA \u00a0 DE PENSION DE VEJEZ-Caso en que CAJANAL niega la prestaci\u00f3n porque la \u00faltima \u00a0 cotizaci\u00f3n se realiz\u00f3 antes de entrar en vigencia la Ley 100 de 1993 \u00a0 \u00a0 DERECHO A LA INDEMNIZACION SUSTITUTIVA DE LA PENSION DE \u00a0 VEJEZ-Se deben tener en cuenta las \u00a0 semanas cotizadas con anterioridad a ...<br \/><div class=\"pt-cv-rmwrap\"><a href=\"https:\/\/www.dmsjuridica.com\/buscador_20179478954\/corteconstitucionalcronologico202454587\/t-507-13\/\" class=\"_self pt-cv-readmore btn btn-success\" target=\"_self\">Ver Sentencia Completa...<\/a><\/div><\/div><\/div><\/div>\n<div class=\"col-md-12 col-sm-12 col-xs-12 pt-cv-content-item pt-cv-1-col\" ><div class='pt-cv-ifield'><a href=\"https:\/\/www.dmsjuridica.com\/buscador_20179478954\/corteconstitucionalcronologico202454587\/t-506-13\/\" class=\"_self pt-cv-href-thumbnail pt-cv-thumb-default\" target=\"_self\" ><\/a>\n<div class=\"pt-cv-taxoterm above_title\"><a href='https:\/\/www.dmsjuridica.com\/buscador_20179478954\/corteconstitucionalcronologico202454587\/category\/buscar-en-toda-la-corte\/2013\/tutelas-2013\/' title='Tutelas 2013' class='pt-cv-tax-tutelas-2013'>Tutelas 2013<\/a><\/div>\n<h4 class=\"pt-cv-title\"><a href=\"https:\/\/www.dmsjuridica.com\/buscador_20179478954\/corteconstitucionalcronologico202454587\/t-506-13\/\" class=\"_self\" target=\"_self\" >T-506-13<\/a><\/h4>\n<div class=\"pt-cv-content\">\u00a0 \u00a0 \u00a0 \u00a0 \u00a0 \u00a0T-506-13 \u00a0 \u00a0 \u00a0 \u00a0 \u00a0 \u00a0\u00a0 Sentencia T-506\/13 \u00a0 \u00a0 DERECHO A LA \u00a0 VIDA Y A LA SEGURIDAD PERSONAL-Protecci\u00f3n constitucional \u00a0 \u00a0 DERECHO A LA \u00a0 SEGURIDAD PERSONAL-Concepto \u00a0 \u00a0 OBLIGACION DEL ESTADO DE PROTEGER EL DERECHO A LA VIDA \u00a0 DE PERSONA PRIVADA DE LA LIBERTAD-Adopci\u00f3n \u00a0 de medidas de seguridad en centros de reclusi\u00f3n o traslado a otros penales \u00a0 \u00a0 El Estado \u00a0 debe garantizar la seguridad de las personas que se encuentran detenidas, de \u00a0 manera que satisfaga la obligaci\u00f3n de protecci\u00f3n que se mantiene mientras \u00e9stas \u00a0 cumplen ...<br \/><div class=\"pt-cv-rmwrap\"><a href=\"https:\/\/www.dmsjuridica.com\/buscador_20179478954\/corteconstitucionalcronologico202454587\/t-506-13\/\" class=\"_self pt-cv-readmore btn btn-success\" target=\"_self\">Ver Sentencia Completa...<\/a><\/div><\/div><\/div><\/div>\n<div class=\"col-md-12 col-sm-12 col-xs-12 pt-cv-content-item pt-cv-1-col\" ><div class='pt-cv-ifield'><a href=\"https:\/\/www.dmsjuridica.com\/buscador_20179478954\/corteconstitucionalcronologico202454587\/t-505-13\/\" class=\"_self pt-cv-href-thumbnail pt-cv-thumb-default\" target=\"_self\" ><\/a>\n<div class=\"pt-cv-taxoterm above_title\"><a href='https:\/\/www.dmsjuridica.com\/buscador_20179478954\/corteconstitucionalcronologico202454587\/category\/buscar-en-toda-la-corte\/2013\/tutelas-2013\/' title='Tutelas 2013' class='pt-cv-tax-tutelas-2013'>Tutelas 2013<\/a><\/div>\n<h4 class=\"pt-cv-title\"><a href=\"https:\/\/www.dmsjuridica.com\/buscador_20179478954\/corteconstitucionalcronologico202454587\/t-505-13\/\" class=\"_self\" target=\"_self\" >T-505-13<\/a><\/h4>\n<div class=\"pt-cv-content\">\u00a0 \u00a0 \u00a0 \u00a0 \u00a0 \u00a0T-505-13 \u00a0 \u00a0 \u00a0 \u00a0 \u00a0 \u00a0\u00a0 Sentencia T-505\/13 \u00a0 \u00a0 (Bogot\u00e1, \u00a0 D.C., julio 26 de 2013) \u00a0 \u00a0 LEY 1122\/07-Confiri\u00f3 a \u00a0 Superintendencia Nacional de Salud facultades jurisdiccionales para adelantar \u00a0 procedimientos que resuelvan controversias entre entidades promotoras de salud y \u00a0 usuarios \u00a0 \u00a0 ACCION DE TUTELA CONTRA EPS-Improcedencia \u00a0 para exoneraci\u00f3n de copagos y cuotas moderadoras por no cumplir con requisito de \u00a0 inmediatez y subsidiariedad \u00a0 \u00a0 La acci\u00f3n de tutela tiene como finalidad otorgar una \u00a0 protecci\u00f3n inmediata de los derechos fundamentales de las personas, esto implica \u00a0 que ...<br \/><div class=\"pt-cv-rmwrap\"><a href=\"https:\/\/www.dmsjuridica.com\/buscador_20179478954\/corteconstitucionalcronologico202454587\/t-505-13\/\" class=\"_self pt-cv-readmore btn btn-success\" target=\"_self\">Ver Sentencia Completa...<\/a><\/div><\/div><\/div><\/div>\n<div class=\"col-md-12 col-sm-12 col-xs-12 pt-cv-content-item pt-cv-1-col\" ><div class='pt-cv-ifield'><a href=\"https:\/\/www.dmsjuridica.com\/buscador_20179478954\/corteconstitucionalcronologico202454587\/t-504-13\/\" class=\"_self pt-cv-href-thumbnail pt-cv-thumb-default\" target=\"_self\" ><\/a>\n<div class=\"pt-cv-taxoterm above_title\"><a href='https:\/\/www.dmsjuridica.com\/buscador_20179478954\/corteconstitucionalcronologico202454587\/category\/buscar-en-toda-la-corte\/2013\/tutelas-2013\/' title='Tutelas 2013' class='pt-cv-tax-tutelas-2013'>Tutelas 2013<\/a><\/div>\n<h4 class=\"pt-cv-title\"><a href=\"https:\/\/www.dmsjuridica.com\/buscador_20179478954\/corteconstitucionalcronologico202454587\/t-504-13\/\" class=\"_self\" target=\"_self\" >T-504-13<\/a><\/h4>\n<div class=\"pt-cv-content\">\u00a0 \u00a0 \u00a0 \u00a0 \u00a0 \u00a0T-504-13 \u00a0 \u00a0 \u00a0 \u00a0 \u00a0 \u00a0\u00a0 Sentencia T-504\/13 \u00a0 \u00a0 \u00a0\u00a0 \u00a0 (Bogot\u00e1 D.C., julio 26) \u00a0 \u00a0 ACCION DE \u00a0 TUTELA CONTRA PROVIDENCIAS JUDICIALES-Requisitos generales y especiales de \u00a0 procedibilidad \u00a0 \u00a0 PROCESO \u00a0 DISCIPLINARIO CONTRA FUNCIONARIO JUDICIAL-Reglas y procedimiento \u00a0 \u00a0 En el proceso disciplinario, las faltas disciplinarias se clasifican en grav\u00edsimas, \u00a0 graves y leves, de acuerdo con los criterios establecidos en el art\u00edculo 43 de \u00a0 la Ley 734 de 2002. Dependiendo de la falta disciplinaria, las sanciones pueden \u00a0 consistir en la destituci\u00f3n e inhabilidad general, para las faltas ...<br \/><div class=\"pt-cv-rmwrap\"><a href=\"https:\/\/www.dmsjuridica.com\/buscador_20179478954\/corteconstitucionalcronologico202454587\/t-504-13\/\" class=\"_self pt-cv-readmore btn btn-success\" target=\"_self\">Ver Sentencia Completa...<\/a><\/div><\/div><\/div><\/div>\n<div class=\"col-md-12 col-sm-12 col-xs-12 pt-cv-content-item pt-cv-1-col\" ><div class='pt-cv-ifield'><a href=\"https:\/\/www.dmsjuridica.com\/buscador_20179478954\/corteconstitucionalcronologico202454587\/t-503-13\/\" class=\"_self pt-cv-href-thumbnail pt-cv-thumb-default\" target=\"_self\" ><\/a>\n<div class=\"pt-cv-taxoterm above_title\"><a href='https:\/\/www.dmsjuridica.com\/buscador_20179478954\/corteconstitucionalcronologico202454587\/category\/buscar-en-toda-la-corte\/2013\/tutelas-2013\/' title='Tutelas 2013' class='pt-cv-tax-tutelas-2013'>Tutelas 2013<\/a><\/div>\n<h4 class=\"pt-cv-title\"><a href=\"https:\/\/www.dmsjuridica.com\/buscador_20179478954\/corteconstitucionalcronologico202454587\/t-503-13\/\" class=\"_self\" target=\"_self\" >T-503-13<\/a><\/h4>\n<div class=\"pt-cv-content\">\u00a0 \u00a0 \u00a0 \u00a0 \u00a0 \u00a0T-503-13 \u00a0 \u00a0 \u00a0 \u00a0 \u00a0 \u00a0\u00a0 Sentencia T-503\/13 \u00a0 \u00a0 \u00a0(Bogot\u00e1, \u00a0 D.C., 26 de julio) \u00a0 \u00a0 RECONOCIMIENTO DE PRESTACIONES \u00a0 CAUSADAS POR LA MUERTE DE OFICIALES Y SUBOFICIALES DE LA FUERZA PUBLICA-Marco \u00a0 jur\u00eddico \u00a0 \u00a0 BENEFICIARIOS DE PRESTACIONES \u00a0 SOCIALES POR CAUSA DE MUERTE DE AGENTES DE LA POLICIA NACIONAL Y DE LOS \u00a0 OFICIALES Y SUBOFICIALES DE LAS FUERZAS MILITARES Y POLICIA NACIONAL-Orden \u00a0 de beneficiarios es excluyente \u00a0 \u00a0 La disposici\u00f3n normativa establece un orden preferencial \u00a0 para efectos de reclamar la prestaci\u00f3n, que se origina con la muerte ...<br \/><div class=\"pt-cv-rmwrap\"><a href=\"https:\/\/www.dmsjuridica.com\/buscador_20179478954\/corteconstitucionalcronologico202454587\/t-503-13\/\" class=\"_self pt-cv-readmore btn btn-success\" target=\"_self\">Ver Sentencia Completa...<\/a><\/div><\/div><\/div><\/div>\n<div class=\"col-md-12 col-sm-12 col-xs-12 pt-cv-content-item pt-cv-1-col\" ><div class='pt-cv-ifield'><a href=\"https:\/\/www.dmsjuridica.com\/buscador_20179478954\/corteconstitucionalcronologico202454587\/t-502-13\/\" class=\"_self pt-cv-href-thumbnail pt-cv-thumb-default\" target=\"_self\" ><\/a>\n<div class=\"pt-cv-taxoterm above_title\"><a href='https:\/\/www.dmsjuridica.com\/buscador_20179478954\/corteconstitucionalcronologico202454587\/category\/buscar-en-toda-la-corte\/2013\/tutelas-2013\/' title='Tutelas 2013' class='pt-cv-tax-tutelas-2013'>Tutelas 2013<\/a><\/div>\n<h4 class=\"pt-cv-title\"><a href=\"https:\/\/www.dmsjuridica.com\/buscador_20179478954\/corteconstitucionalcronologico202454587\/t-502-13\/\" class=\"_self\" target=\"_self\" >T-502-13<\/a><\/h4>\n<div class=\"pt-cv-content\">\u00a0 \u00a0 \u00a0 \u00a0 \u00a0 \u00a0T-502-13 \u00a0 \u00a0 \u00a0 \u00a0 \u00a0 \u00a0\u00a0 Sentencia T-502\/13 \u00a0 \u00a0 (Bogot\u00e1 D. C., \u00a0 julio 26) \u00a0 \u00a0 ASIGNACION DE RETIRO PARA LA \u00a0 FUERZA PUBLICA-Naturaleza jur\u00eddica \u00a0 \u00a0 ACCION DE TUTELA TRANSITORIA PARA EVITAR PERJUICIO \u00a0 IRREMEDIABLE-Caso en que se suspendi\u00f3 \u00a0 solicitud de sustituci\u00f3n de asignaci\u00f3n de retiro por parte de Casur, por existir \u00a0 controversia entre c\u00f3nyuge y compa\u00f1era permanente \u00a0 \u00a0 PERJUICIO \u00a0 IRREMEDIABLE FRENTE A SUJETOS DE ESPECIAL PROTECCION-Valoraci\u00f3n del juez \u00a0 constitucional\/PERJUICIO IRREMEDIABLE-Elementos que lo conforman deben probarse de manera sumaria \u00a0 \u00a0 Trat\u00e1ndose del reconocimiento de pensiones, ...<br \/><div class=\"pt-cv-rmwrap\"><a href=\"https:\/\/www.dmsjuridica.com\/buscador_20179478954\/corteconstitucionalcronologico202454587\/t-502-13\/\" class=\"_self pt-cv-readmore btn btn-success\" target=\"_self\">Ver Sentencia Completa...<\/a><\/div><\/div><\/div><\/div>\n<div class=\"col-md-12 col-sm-12 col-xs-12 pt-cv-content-item pt-cv-1-col\" ><div class='pt-cv-ifield'><a href=\"https:\/\/www.dmsjuridica.com\/buscador_20179478954\/corteconstitucionalcronologico202454587\/t-501-13\/\" class=\"_self pt-cv-href-thumbnail pt-cv-thumb-default\" target=\"_self\" ><\/a>\n<div class=\"pt-cv-taxoterm above_title\"><a href='https:\/\/www.dmsjuridica.com\/buscador_20179478954\/corteconstitucionalcronologico202454587\/category\/buscar-en-toda-la-corte\/2013\/tutelas-2013\/' title='Tutelas 2013' class='pt-cv-tax-tutelas-2013'>Tutelas 2013<\/a><\/div>\n<h4 class=\"pt-cv-title\"><a href=\"https:\/\/www.dmsjuridica.com\/buscador_20179478954\/corteconstitucionalcronologico202454587\/t-501-13\/\" class=\"_self\" target=\"_self\" >T-501-13<\/a><\/h4>\n<div class=\"pt-cv-content\">\u00a0 \u00a0 \u00a0 \u00a0 \u00a0 \u00a0T-501-13 \u00a0 \u00a0 \u00a0 \u00a0 \u00a0 \u00a0\u00a0 Sentencia T-501\/13 \u00a0 \u00a0 (Bogot\u00e1, D.C., \u00a0 Julio 26) \u00a0 \u00a0 DERECHO A LA SALUD DEL ADULTO MAYOR-Protecci\u00f3n \u00a0 reforzada por ser sujeto de especial protecci\u00f3n constitucional \u00a0 \u00a0 GARANTIA DE ACCESIBILIDAD ECONOMICA EN SALUD Y PRINCIPIO DE GASTOS SOPORTABLES-Condiciones econ\u00f3micas de los usuarios para evitar que \u00a0 los m\u00e1s pobres del sistema de salud les sean impuestas cargas econ\u00f3micas \u00a0 desproporcionadas \u00a0 \u00a0 La jurisprudencia ha considerado que la accesibilidad \u00a0 econ\u00f3mica (i) impone la consideraci\u00f3n de la capacidad econ\u00f3mica del paciente con \u00a0 el fin de ...<br \/><div class=\"pt-cv-rmwrap\"><a href=\"https:\/\/www.dmsjuridica.com\/buscador_20179478954\/corteconstitucionalcronologico202454587\/t-501-13\/\" class=\"_self pt-cv-readmore btn btn-success\" target=\"_self\">Ver Sentencia Completa...<\/a><\/div><\/div><\/div><\/div>\n<div class=\"col-md-12 col-sm-12 col-xs-12 pt-cv-content-item pt-cv-1-col\" ><div class='pt-cv-ifield'><a href=\"https:\/\/www.dmsjuridica.com\/buscador_20179478954\/corteconstitucionalcronologico202454587\/t-500-13\/\" class=\"_self pt-cv-href-thumbnail pt-cv-thumb-default\" target=\"_self\" ><\/a>\n<div class=\"pt-cv-taxoterm above_title\"><a href='https:\/\/www.dmsjuridica.com\/buscador_20179478954\/corteconstitucionalcronologico202454587\/category\/buscar-en-toda-la-corte\/2013\/tutelas-2013\/' title='Tutelas 2013' class='pt-cv-tax-tutelas-2013'>Tutelas 2013<\/a><\/div>\n<h4 class=\"pt-cv-title\"><a href=\"https:\/\/www.dmsjuridica.com\/buscador_20179478954\/corteconstitucionalcronologico202454587\/t-500-13\/\" class=\"_self\" target=\"_self\" >T-500-13<\/a><\/h4>\n<div class=\"pt-cv-content\">\u00a0 \u00a0 \u00a0 \u00a0 \u00a0 \u00a0T-500-13 \u00a0 \u00a0 \u00a0 \u00a0 \u00a0 \u00a0\u00a0 Sentencia T-500\/13 \u00a0 \u00a0 AGENCIA OFICIOSA EN TUTELA-Se pueden agenciar derechos ajenos cuando el titular de \u00a0 los mismos no est\u00e9 en condiciones de promover su propia defensa \u00a0 \u00a0 La acci\u00f3n de tutela puede ser \u00a0 presentada mediante agente oficioso cuando el titular de los derechos \u00a0 fundamentales no est\u00e1 en condiciones de promover su propia defensa. En dicha \u00a0 circunstancia deber\u00e1n cumplirse con las condiciones establecidas por la ley y \u00a0 por la jurisprudencia constitucional para tal fin. \u00a0 \u00a0 DERECHO A LA SALUD Y A ...<br \/><div class=\"pt-cv-rmwrap\"><a href=\"https:\/\/www.dmsjuridica.com\/buscador_20179478954\/corteconstitucionalcronologico202454587\/t-500-13\/\" class=\"_self pt-cv-readmore btn btn-success\" target=\"_self\">Ver Sentencia Completa...<\/a><\/div><\/div><\/div><\/div>\n<div class=\"col-md-12 col-sm-12 col-xs-12 pt-cv-content-item pt-cv-1-col\" ><div class='pt-cv-ifield'><a href=\"https:\/\/www.dmsjuridica.com\/buscador_20179478954\/corteconstitucionalcronologico202454587\/t-499-13\/\" class=\"_self pt-cv-href-thumbnail pt-cv-thumb-default\" target=\"_self\" ><\/a>\n<div class=\"pt-cv-taxoterm above_title\"><a href='https:\/\/www.dmsjuridica.com\/buscador_20179478954\/corteconstitucionalcronologico202454587\/category\/buscar-en-toda-la-corte\/2013\/tutelas-2013\/' title='Tutelas 2013' class='pt-cv-tax-tutelas-2013'>Tutelas 2013<\/a><\/div>\n<h4 class=\"pt-cv-title\"><a href=\"https:\/\/www.dmsjuridica.com\/buscador_20179478954\/corteconstitucionalcronologico202454587\/t-499-13\/\" class=\"_self\" target=\"_self\" >T-499-13<\/a><\/h4>\n<div class=\"pt-cv-content\">\u00a0 \u00a0 \u00a0 \u00a0 \u00a0 \u00a0T-499-13 \u00a0 \u00a0 \u00a0 \u00a0 \u00a0 \u00a0\u00a0 Sentencia T-499\/13 \u00a0 \u00a0\u00a0 ACCION DE TUTELA CONTRA ACTO DE TRAMITE EN PROCESO \u00a0 DISCIPLINARIO-Procedencia excepcional \u00a0 \u00a0 Por regla general, esta \u00a0 Corporaci\u00f3n ha se\u00f1alado que la acci\u00f3n de tutela es improcedente para cuestionar \u00a0 actos de tr\u00e1mite dictados dentro de un proceso disciplinario que a\u00fan no ha \u00a0 concluido, por cuanto el accionante tiene a su alcance otros medios de defensa \u00a0 procesal como son pedir nulidades, interponer recursos o intervenir en el \u00a0 tr\u00e1mite en procura de defender sus derechos, a la vez que puede ...<br \/><div class=\"pt-cv-rmwrap\"><a href=\"https:\/\/www.dmsjuridica.com\/buscador_20179478954\/corteconstitucionalcronologico202454587\/t-499-13\/\" class=\"_self pt-cv-readmore btn btn-success\" target=\"_self\">Ver Sentencia Completa...<\/a><\/div><\/div><\/div><\/div>\n<div class=\"col-md-12 col-sm-12 col-xs-12 pt-cv-content-item pt-cv-1-col\" ><div class='pt-cv-ifield'><a href=\"https:\/\/www.dmsjuridica.com\/buscador_20179478954\/corteconstitucionalcronologico202454587\/t-498-13\/\" class=\"_self pt-cv-href-thumbnail pt-cv-thumb-default\" target=\"_self\" ><\/a>\n<div class=\"pt-cv-taxoterm above_title\"><a href='https:\/\/www.dmsjuridica.com\/buscador_20179478954\/corteconstitucionalcronologico202454587\/category\/buscar-en-toda-la-corte\/2013\/tutelas-2013\/' title='Tutelas 2013' class='pt-cv-tax-tutelas-2013'>Tutelas 2013<\/a><\/div>\n<h4 class=\"pt-cv-title\"><a href=\"https:\/\/www.dmsjuridica.com\/buscador_20179478954\/corteconstitucionalcronologico202454587\/t-498-13\/\" class=\"_self\" target=\"_self\" >T-498-13<\/a><\/h4>\n<div class=\"pt-cv-content\">\u00a0 \u00a0 \u00a0 \u00a0 \u00a0 \u00a0T-498-13 \u00a0 \u00a0 \u00a0 \u00a0 \u00a0 \u00a0\u00a0 Sentencia \u00a0 T-498\/13 \u00a0 \u00a0 ACCION DE TUTELA CONTRA PARTICULARES QUE PRESTAN \u00a0 SERVICIO PUBLICO-Procedencia frente a \u00a0 Petrobras, quien presta servicio de exploraci\u00f3n y extracci\u00f3n de petr\u00f3leo \u00a0 \u00a0 DERECHO DE PETICION-Respuesta clara y precisa, congruente, de fondo y suficiente \u00a0 \u00a0 ELEMENTOS ESTRUCTURALES ESENCIALES DEL DERECHO \u00a0 FUNDAMENTAL DE PETICION-Jurisprudencia \u00a0 constitucional \u00a0 \u00a0 DERECHO A LA VIVIENDA DIGNA-Alcance y contenido\/DERECHO FUNDAMENTAL A LA \u00a0 VIVIENDA DIGNA O ADECUADA-Elementos de asequibilidad y habitabilidad \u00a0 \u00a0 El derecho a la vivienda digna es un derecho fundamental aut\u00f3nomo ...<br \/><div class=\"pt-cv-rmwrap\"><a href=\"https:\/\/www.dmsjuridica.com\/buscador_20179478954\/corteconstitucionalcronologico202454587\/t-498-13\/\" class=\"_self pt-cv-readmore btn btn-success\" target=\"_self\">Ver Sentencia Completa...<\/a><\/div><\/div><\/div><\/div>\n<div class=\"col-md-12 col-sm-12 col-xs-12 pt-cv-content-item pt-cv-1-col\" ><div class='pt-cv-ifield'><a href=\"https:\/\/www.dmsjuridica.com\/buscador_20179478954\/corteconstitucionalcronologico202454587\/t-497-13\/\" class=\"_self pt-cv-href-thumbnail pt-cv-thumb-default\" target=\"_self\" ><\/a>\n<div class=\"pt-cv-taxoterm above_title\"><a href='https:\/\/www.dmsjuridica.com\/buscador_20179478954\/corteconstitucionalcronologico202454587\/category\/buscar-en-toda-la-corte\/2013\/tutelas-2013\/' title='Tutelas 2013' class='pt-cv-tax-tutelas-2013'>Tutelas 2013<\/a><\/div>\n<h4 class=\"pt-cv-title\"><a href=\"https:\/\/www.dmsjuridica.com\/buscador_20179478954\/corteconstitucionalcronologico202454587\/t-497-13\/\" class=\"_self\" target=\"_self\" >T-497-13<\/a><\/h4>\n<div class=\"pt-cv-content\">\u00a0 \u00a0 \u00a0 \u00a0 \u00a0 \u00a0T-497-13 \u00a0 \u00a0 \u00a0 \u00a0 \u00a0 \u00a0\u00a0 Sentencia T-497\/13 \u00a0 \u00a0 ACCION DE TUTELA CONTRA PROVIDENCIAS JUDICIALES-Requisitos generales y especiales de procedibilidad \u00a0 \u00a0 ACCION DE TUTELA CONTRA PROVIDENCIAS JUDICIALES-Relevancia constitucional del requisito general de \u00a0 subsidiariedad para su procedencia excepcional \u00a0 \u00a0 ACCION DE TUTELA CONTRA PROVIDENCIAS JUDICIALES-Agotamiento de todos los medios ordinarios y \u00a0 extraordinarios de defensa judicial como requisito general de procedibilidad \u00a0 \u00a0 ACCION DE TUTELA CONTRA PROVIDENCIAS JUDICIALES-Improcedencia por cuanto no se ejercieron los recursos \u00a0 ordinarios en proceso ordinario laboral \u00a0 \u00a0 La Corte observa \u00a0 que el demandante ...<br \/><div class=\"pt-cv-rmwrap\"><a href=\"https:\/\/www.dmsjuridica.com\/buscador_20179478954\/corteconstitucionalcronologico202454587\/t-497-13\/\" class=\"_self pt-cv-readmore btn btn-success\" target=\"_self\">Ver Sentencia Completa...<\/a><\/div><\/div><\/div><\/div>\n<div class=\"col-md-12 col-sm-12 col-xs-12 pt-cv-content-item pt-cv-1-col\" ><div class='pt-cv-ifield'><a href=\"https:\/\/www.dmsjuridica.com\/buscador_20179478954\/corteconstitucionalcronologico202454587\/t-496-13\/\" class=\"_self pt-cv-href-thumbnail pt-cv-thumb-default\" target=\"_self\" ><\/a>\n<div class=\"pt-cv-taxoterm above_title\"><a href='https:\/\/www.dmsjuridica.com\/buscador_20179478954\/corteconstitucionalcronologico202454587\/category\/buscar-en-toda-la-corte\/2013\/tutelas-2013\/' title='Tutelas 2013' class='pt-cv-tax-tutelas-2013'>Tutelas 2013<\/a><\/div>\n<h4 class=\"pt-cv-title\"><a href=\"https:\/\/www.dmsjuridica.com\/buscador_20179478954\/corteconstitucionalcronologico202454587\/t-496-13\/\" class=\"_self\" target=\"_self\" >T-496-13<\/a><\/h4>\n<div class=\"pt-cv-content\">\u00a0 \u00a0 \u00a0 \u00a0 \u00a0 \u00a0T-496-13 \u00a0 \u00a0 \u00a0 \u00a0 \u00a0 \u00a0\u00a0 Sentencia T-496\/13 \u00a0 \u00a0 ACCION DE TUTELA CONTRA FALLOS DE LA JURISDICCION \u00a0 INDIGENA-Procedencia \u00a0 \u00a0 LEGITIMACION EN LA CAUSA POR ACTIVA Y AGENCIA OFICIOSA \u00a0 EN LA ACCION DE TUTELA-Requisitos \u00a0 \u00a0 JUECES DE PAZ-Finalidad \u00a0 \u00a0 Dentro del concepto de democracia participativa, se circunscribe la instituci\u00f3n \u00a0 de los jueces de paz, creados para permitir la participaci\u00f3n del ciudadano en el \u00a0 cumplimiento de las funciones del Estado, especialmente, la de administrar \u00a0 justicia en casos menores.\u00a0 La Carta Pol\u00edtica en su art\u00edculo 247, \u00a0 perteneciente ...<br \/><div class=\"pt-cv-rmwrap\"><a href=\"https:\/\/www.dmsjuridica.com\/buscador_20179478954\/corteconstitucionalcronologico202454587\/t-496-13\/\" class=\"_self pt-cv-readmore btn btn-success\" target=\"_self\">Ver Sentencia Completa...<\/a><\/div><\/div><\/div><\/div>\n<div class=\"col-md-12 col-sm-12 col-xs-12 pt-cv-content-item pt-cv-1-col\" ><div class='pt-cv-ifield'><a href=\"https:\/\/www.dmsjuridica.com\/buscador_20179478954\/corteconstitucionalcronologico202454587\/t-495-13\/\" class=\"_self pt-cv-href-thumbnail pt-cv-thumb-default\" target=\"_self\" ><\/a>\n<div class=\"pt-cv-taxoterm above_title\"><a href='https:\/\/www.dmsjuridica.com\/buscador_20179478954\/corteconstitucionalcronologico202454587\/category\/buscar-en-toda-la-corte\/2013\/tutelas-2013\/' title='Tutelas 2013' class='pt-cv-tax-tutelas-2013'>Tutelas 2013<\/a><\/div>\n<h4 class=\"pt-cv-title\"><a href=\"https:\/\/www.dmsjuridica.com\/buscador_20179478954\/corteconstitucionalcronologico202454587\/t-495-13\/\" class=\"_self\" target=\"_self\" >T-495-13<\/a><\/h4>\n<div class=\"pt-cv-content\">\u00a0 \u00a0 \u00a0 \u00a0 \u00a0 \u00a0T-495-13 \u00a0 \u00a0 \u00a0 \u00a0 \u00a0 \u00a0\u00a0 Sentencia T-495\/13 \u00a0 \u00a0 DERECHO A LA EDUCACION-Tratamiento constitucional con doble \u00a0 connotaci\u00f3n como derecho y como servicio \u00a0 \u00a0 DERECHO A LA EDUCACION DE NI\u00d1OS, NI\u00d1AS Y \u00a0 ADOLESCENTES-Permanencia en \u00a0 el sistema educativo como parte de su n\u00facleo esencial y la connotaci\u00f3n de ser un \u00a0 derecho-deber que impone cargas m\u00ednimas \u00a0 \u00a0 CONTRATACION CON ENTIDADES PRIVADAS PARA LA \u00a0 PRESTACION DEL SERVICIO DE EDUCACION-Recuento normativo \u00a0 \u00a0 El art\u00edculo 68 de la Constituci\u00f3n Pol\u00edtica habilita a los particulares para \u00a0 fundar establecimientos educativos y para ...<br \/><div class=\"pt-cv-rmwrap\"><a href=\"https:\/\/www.dmsjuridica.com\/buscador_20179478954\/corteconstitucionalcronologico202454587\/t-495-13\/\" class=\"_self pt-cv-readmore btn btn-success\" target=\"_self\">Ver Sentencia Completa...<\/a><\/div><\/div><\/div><\/div>\n<div class=\"col-md-12 col-sm-12 col-xs-12 pt-cv-content-item pt-cv-1-col\" ><div class='pt-cv-ifield'><a href=\"https:\/\/www.dmsjuridica.com\/buscador_20179478954\/corteconstitucionalcronologico202454587\/t-494-13\/\" class=\"_self pt-cv-href-thumbnail pt-cv-thumb-default\" target=\"_self\" ><\/a>\n<div class=\"pt-cv-taxoterm above_title\"><a href='https:\/\/www.dmsjuridica.com\/buscador_20179478954\/corteconstitucionalcronologico202454587\/category\/buscar-en-toda-la-corte\/2013\/tutelas-2013\/' title='Tutelas 2013' class='pt-cv-tax-tutelas-2013'>Tutelas 2013<\/a><\/div>\n<h4 class=\"pt-cv-title\"><a href=\"https:\/\/www.dmsjuridica.com\/buscador_20179478954\/corteconstitucionalcronologico202454587\/t-494-13\/\" class=\"_self\" target=\"_self\" >T-494-13<\/a><\/h4>\n<div class=\"pt-cv-content\">\u00a0 \u00a0 \u00a0 \u00a0 \u00a0 \u00a0T-494-13 \u00a0 \u00a0 \u00a0 \u00a0 \u00a0 \u00a0\u00a0 Sentencia T-494\/13 \u00a0 \u00a0 PERSONA DE LA TERCERA EDAD Y VIA EXCEPCIONAL DE LA \u00a0 ACCION DE TUTELA PARA RECLAMAR PENSION DE VEJEZ-Tesis sobre la vida probable \u00a0 \u00a0 Sin detrimento de la idoneidad y eficacia general de los mecanismos judiciales \u00a0 ordinarios, que tienen por objeto asegurar el derecho a la pensi\u00f3n, las \u00a0 particulares y excepcionales circunstancias que rodean este caso hacen \u00a0 indispensable la intervenci\u00f3n del juez de tutela, puesto que el actor es una \u00a0 persona de 76 a\u00f1os, y por tanto, se encuentra ...<br \/><div class=\"pt-cv-rmwrap\"><a href=\"https:\/\/www.dmsjuridica.com\/buscador_20179478954\/corteconstitucionalcronologico202454587\/t-494-13\/\" class=\"_self pt-cv-readmore btn btn-success\" target=\"_self\">Ver Sentencia Completa...<\/a><\/div><\/div><\/div><\/div>\n<div class=\"col-md-12 col-sm-12 col-xs-12 pt-cv-content-item pt-cv-1-col\" ><div class='pt-cv-ifield'><a href=\"https:\/\/www.dmsjuridica.com\/buscador_20179478954\/corteconstitucionalcronologico202454587\/t-493-13\/\" class=\"_self pt-cv-href-thumbnail pt-cv-thumb-default\" target=\"_self\" ><\/a>\n<div class=\"pt-cv-taxoterm above_title\"><a href='https:\/\/www.dmsjuridica.com\/buscador_20179478954\/corteconstitucionalcronologico202454587\/category\/buscar-en-toda-la-corte\/2013\/tutelas-2013\/' title='Tutelas 2013' class='pt-cv-tax-tutelas-2013'>Tutelas 2013<\/a><\/div>\n<h4 class=\"pt-cv-title\"><a href=\"https:\/\/www.dmsjuridica.com\/buscador_20179478954\/corteconstitucionalcronologico202454587\/t-493-13\/\" class=\"_self\" target=\"_self\" >T-493-13<\/a><\/h4>\n<div class=\"pt-cv-content\">\u00a0 \u00a0 \u00a0 \u00a0 \u00a0 \u00a0T-493-13 \u00a0 \u00a0 \u00a0 \u00a0 \u00a0 \u00a0\u00a0 Sentencia T-493\/13 \u00a0 \u00a0 ACCION DE TUTELA PARA RECONOCIMIENTO DE PENSION DE \u00a0 VEJEZ-Procedencia excepcional cuando \u00a0 se vulneran derechos de las personas de la tercera edad \u00a0 \u00a0 PENSION DE VEJEZ-Posibilidad de acumular tiempo de servicio a entidades estatales y \u00a0 cotizaciones al ISS para reunir el n\u00famero de semanas necesarias para tener \u00a0 derecho a ella \u00a0 \u00a0 Esta Corporaci\u00f3n entiende que es una obligaci\u00f3n del ISS acumular el tiempo de \u00a0 servicio al Estado, independientemente si fue cotizado o no, para efectos de \u00a0 acceder ...<br \/><div class=\"pt-cv-rmwrap\"><a href=\"https:\/\/www.dmsjuridica.com\/buscador_20179478954\/corteconstitucionalcronologico202454587\/t-493-13\/\" class=\"_self pt-cv-readmore btn btn-success\" target=\"_self\">Ver Sentencia Completa...<\/a><\/div><\/div><\/div><\/div>\n<div class=\"col-md-12 col-sm-12 col-xs-12 pt-cv-content-item pt-cv-1-col\" ><div class='pt-cv-ifield'><a href=\"https:\/\/www.dmsjuridica.com\/buscador_20179478954\/corteconstitucionalcronologico202454587\/t-492-13\/\" class=\"_self pt-cv-href-thumbnail pt-cv-thumb-default\" target=\"_self\" ><\/a>\n<div class=\"pt-cv-taxoterm above_title\"><a href='https:\/\/www.dmsjuridica.com\/buscador_20179478954\/corteconstitucionalcronologico202454587\/category\/buscar-en-toda-la-corte\/2013\/tutelas-2013\/' title='Tutelas 2013' class='pt-cv-tax-tutelas-2013'>Tutelas 2013<\/a><\/div>\n<h4 class=\"pt-cv-title\"><a href=\"https:\/\/www.dmsjuridica.com\/buscador_20179478954\/corteconstitucionalcronologico202454587\/t-492-13\/\" class=\"_self\" target=\"_self\" >T-492-13<\/a><\/h4>\n<div class=\"pt-cv-content\">\u00a0 \u00a0 \u00a0 \u00a0 \u00a0 \u00a0T-492-13 \u00a0 \u00a0 \u00a0 \u00a0 \u00a0 \u00a0\u00a0 Sentencia T-492\/13 \u00a0 \u00a0 ACCION DE TUTELA CONTRA PROVIDENCIAS \u00a0 JUDICIALES-Requisitos \u00a0 generales y especiales de procedibilidad \u00a0 \u00a0 DEFECTO SUSTANTIVO POR INTERPRETACION ERRONEA O \u00a0 IRRAZONABLE DE LA NORMA-Hip\u00f3tesis \u00a0 en las cuales puede incurrir la autoridad judicial \u00a0 \u00a0 DESCONOCIMIENTO DEL PRECEDENTE COMO CAUSAL \u00a0 ESPECIFICA DE PROCEDIBILIDAD DE LA ACCION DE TUTELA CONTRA PROVIDENCIAS \u00a0 JUDICIALES-No se desconoci\u00f3 \u00a0 jurisprudencia \u00a0 \u00a0 PENSION DE VEJEZ-Jurisprudencia sobre obligaci\u00f3n del empleador de \u00a0 realizar aprovisionamiento de dinero para el pago de aportes de sus trabajadores \u00a0 al ...<br \/><div class=\"pt-cv-rmwrap\"><a href=\"https:\/\/www.dmsjuridica.com\/buscador_20179478954\/corteconstitucionalcronologico202454587\/t-492-13\/\" class=\"_self pt-cv-readmore btn btn-success\" target=\"_self\">Ver Sentencia Completa...<\/a><\/div><\/div><\/div><\/div>\n<div class=\"col-md-12 col-sm-12 col-xs-12 pt-cv-content-item pt-cv-1-col\" ><div class='pt-cv-ifield'><a href=\"https:\/\/www.dmsjuridica.com\/buscador_20179478954\/corteconstitucionalcronologico202454587\/t-491-13\/\" class=\"_self pt-cv-href-thumbnail pt-cv-thumb-default\" target=\"_self\" ><\/a>\n<div class=\"pt-cv-taxoterm above_title\"><a href='https:\/\/www.dmsjuridica.com\/buscador_20179478954\/corteconstitucionalcronologico202454587\/category\/buscar-en-toda-la-corte\/2013\/tutelas-2013\/' title='Tutelas 2013' class='pt-cv-tax-tutelas-2013'>Tutelas 2013<\/a><\/div>\n<h4 class=\"pt-cv-title\"><a href=\"https:\/\/www.dmsjuridica.com\/buscador_20179478954\/corteconstitucionalcronologico202454587\/t-491-13\/\" class=\"_self\" target=\"_self\" >T-491-13<\/a><\/h4>\n<div class=\"pt-cv-content\">\u00a0 \u00a0 \u00a0 \u00a0 \u00a0 \u00a0T-491-13 \u00a0 \u00a0 \u00a0 \u00a0 \u00a0 \u00a0\u00a0 Sentencia T-491\/13 \u00a0 \u00a0 AGENCIA OFICIOSA-Legitimidad cuando una persona se encuentra en estado \u00a0 de debilidad manifiesta \u00a0 \u00a0 PRINCIPIO DE \u00a0 SUBSIDIARIEDAD DE LA ACCION DE TUTELA-Procedencia \u00a0 excepcional como mecanismo transitorio para evitar un perjuicio irremediable \u00a0 \u00a0 La jurisprudencia constitucional ha establecido que la \u00a0 acci\u00f3n de tutela procede como mecanismo transitorio para evitar un perjuicio \u00a0 irremediable, cuando se presenta una situaci\u00f3n de amenaza de vulneraci\u00f3n de un \u00a0 derecho fundamental susceptible de concretarse y que pueda generar un da\u00f1o \u00a0 irreversible. Este amparo ...<br \/><div class=\"pt-cv-rmwrap\"><a href=\"https:\/\/www.dmsjuridica.com\/buscador_20179478954\/corteconstitucionalcronologico202454587\/t-491-13\/\" class=\"_self pt-cv-readmore btn btn-success\" target=\"_self\">Ver Sentencia Completa...<\/a><\/div><\/div><\/div><\/div>\n<div class=\"col-md-12 col-sm-12 col-xs-12 pt-cv-content-item pt-cv-1-col\" ><div class='pt-cv-ifield'><a href=\"https:\/\/www.dmsjuridica.com\/buscador_20179478954\/corteconstitucionalcronologico202454587\/t-490-13\/\" class=\"_self pt-cv-href-thumbnail pt-cv-thumb-default\" target=\"_self\" ><\/a>\n<div class=\"pt-cv-taxoterm above_title\"><a href='https:\/\/www.dmsjuridica.com\/buscador_20179478954\/corteconstitucionalcronologico202454587\/category\/buscar-en-toda-la-corte\/2013\/tutelas-2013\/' title='Tutelas 2013' class='pt-cv-tax-tutelas-2013'>Tutelas 2013<\/a><\/div>\n<h4 class=\"pt-cv-title\"><a href=\"https:\/\/www.dmsjuridica.com\/buscador_20179478954\/corteconstitucionalcronologico202454587\/t-490-13\/\" class=\"_self\" target=\"_self\" >T-490-13<\/a><\/h4>\n<div class=\"pt-cv-content\">\u00a0 \u00a0 \u00a0 \u00a0 \u00a0 \u00a0T-490-13 \u00a0 \u00a0 \u00a0 \u00a0 \u00a0 \u00a0\u00a0 Sentencia T-490\/13 \u00a0 \u00a0 ACCION DE TUTELA CONTRA PROVIDENCIAS JUDICIALES-Requisitos generales y especiales de procedibilidad \u00a0 \u00a0 CARACTERIZACION DEL DEFECTO FACTICO COMO CAUSAL \u00a0 ESPECIFICA DE PROCEDIBILIDAD DE LA ACCION DE TUTELA CONTRA PROVIDENCIAS \u00a0 JUDICIALES \u00a0 \u00a0 DEFECTO FACTICO-Dimensi\u00f3n negativa y positiva \u00a0 \u00a0 La dimensi\u00f3n negativa comprende las omisiones en la \u00a0 valoraci\u00f3n de pruebas concluyentes, es decir, que identifican la veracidad de \u00a0 los hechos analizados por el juez, hip\u00f3tesis que involucra, por ejemplo, la \u00a0 negativa o valoraci\u00f3n arbitraria, irracional y caprichosa o cuando ...<br \/><div class=\"pt-cv-rmwrap\"><a href=\"https:\/\/www.dmsjuridica.com\/buscador_20179478954\/corteconstitucionalcronologico202454587\/t-490-13\/\" class=\"_self pt-cv-readmore btn btn-success\" target=\"_self\">Ver Sentencia Completa...<\/a><\/div><\/div><\/div><\/div>\n<div class=\"col-md-12 col-sm-12 col-xs-12 pt-cv-content-item pt-cv-1-col\" ><div class='pt-cv-ifield'><a href=\"https:\/\/www.dmsjuridica.com\/buscador_20179478954\/corteconstitucionalcronologico202454587\/t-489-13\/\" class=\"_self pt-cv-href-thumbnail pt-cv-thumb-default\" target=\"_self\" ><\/a>\n<div class=\"pt-cv-taxoterm above_title\"><a href='https:\/\/www.dmsjuridica.com\/buscador_20179478954\/corteconstitucionalcronologico202454587\/category\/buscar-en-toda-la-corte\/2013\/tutelas-2013\/' title='Tutelas 2013' class='pt-cv-tax-tutelas-2013'>Tutelas 2013<\/a><\/div>\n<h4 class=\"pt-cv-title\"><a href=\"https:\/\/www.dmsjuridica.com\/buscador_20179478954\/corteconstitucionalcronologico202454587\/t-489-13\/\" class=\"_self\" target=\"_self\" >T-489-13<\/a><\/h4>\n<div class=\"pt-cv-content\">\u00a0 \u00a0 \u00a0 \u00a0 \u00a0 \u00a0T-489-13 \u00a0 \u00a0 \u00a0 \u00a0 \u00a0 \u00a0\u00a0 Sentencia T-489\/13 \u00a0 \u00a0 ACCION DE TUTELA CONTRA PROVIDENCIAS JUDICIALES-Requisitos generales y especiales de procedibilidad \u00a0 \u00a0 DESCONOCIMIENTO DEL PRECEDENTE COMO CAUSAL ESPECIFICA \u00a0 DE PROCEDIBILIDAD DE LA ACCION DE TUTELA CONTRA PROVIDENCIAS JUDICIALES-Reiteraci\u00f3n de jurisprudencia \u00a0 \u00a0 La Corte Constitucional, en reiterada jurisprudencia, \u00a0 ha se\u00f1alado que la actividad interpretativa que realizan los jueces de la \u00a0 Rep\u00fablica sobre las normas jur\u00eddicas, con base en el principio de autonom\u00eda \u00a0 judicial, est\u00e1 supeditada al respeto del derecho a la igualdad en la aplicaci\u00f3n \u00a0 de la ley ...<br \/><div class=\"pt-cv-rmwrap\"><a href=\"https:\/\/www.dmsjuridica.com\/buscador_20179478954\/corteconstitucionalcronologico202454587\/t-489-13\/\" class=\"_self pt-cv-readmore btn btn-success\" target=\"_self\">Ver Sentencia Completa...<\/a><\/div><\/div><\/div><\/div>\n<div class=\"col-md-12 col-sm-12 col-xs-12 pt-cv-content-item pt-cv-1-col\" ><div class='pt-cv-ifield'><a href=\"https:\/\/www.dmsjuridica.com\/buscador_20179478954\/corteconstitucionalcronologico202454587\/t-487-13\/\" class=\"_self pt-cv-href-thumbnail pt-cv-thumb-default\" target=\"_self\" ><\/a>\n<div class=\"pt-cv-taxoterm above_title\"><a href='https:\/\/www.dmsjuridica.com\/buscador_20179478954\/corteconstitucionalcronologico202454587\/category\/buscar-en-toda-la-corte\/2013\/tutelas-2013\/' title='Tutelas 2013' class='pt-cv-tax-tutelas-2013'>Tutelas 2013<\/a><\/div>\n<h4 class=\"pt-cv-title\"><a href=\"https:\/\/www.dmsjuridica.com\/buscador_20179478954\/corteconstitucionalcronologico202454587\/t-487-13\/\" class=\"_self\" target=\"_self\" >T-487-13<\/a><\/h4>\n<div class=\"pt-cv-content\">\u00a0 \u00a0 \u00a0 \u00a0 \u00a0 \u00a0T-487-13 \u00a0 \u00a0 \u00a0 \u00a0 \u00a0 \u00a0\u00a0 ACCION DE \u00a0 TUTELA PARA RECONOCIMIENTO DE DERECHOS PENSIONALES-Procedencia excepcional \u00a0 frente a la existencia de otros medios de defensa judicial \u00a0 \u00a0 ACCION DE \u00a0 TUTELA PARA RECONOCIMIENTO DE PENSION DE INVALIDEZ-Procedencia excepcional \u00a0 por afectaci\u00f3n al m\u00ednimo vital y vida digna de sujetos de especial protecci\u00f3n \u00a0 \u00a0 Por regla general, la \u00a0 jurisprudencia de la Corte ha establecido que cuando se pretenda solucionar \u00a0 controversias tendientes al reconocimiento de derechos pensionales y el pago de \u00a0 prestaciones sociales, como es el caso de la pensi\u00f3n ...<br \/><div class=\"pt-cv-rmwrap\"><a href=\"https:\/\/www.dmsjuridica.com\/buscador_20179478954\/corteconstitucionalcronologico202454587\/t-487-13\/\" class=\"_self pt-cv-readmore btn btn-success\" target=\"_self\">Ver Sentencia Completa...<\/a><\/div><\/div><\/div><\/div>\n<div class=\"col-md-12 col-sm-12 col-xs-12 pt-cv-content-item pt-cv-1-col\" ><div class='pt-cv-ifield'><a href=\"https:\/\/www.dmsjuridica.com\/buscador_20179478954\/corteconstitucionalcronologico202454587\/t-486-13\/\" class=\"_self pt-cv-href-thumbnail pt-cv-thumb-default\" target=\"_self\" ><\/a>\n<div class=\"pt-cv-taxoterm above_title\"><a href='https:\/\/www.dmsjuridica.com\/buscador_20179478954\/corteconstitucionalcronologico202454587\/category\/buscar-en-toda-la-corte\/2013\/tutelas-2013\/' title='Tutelas 2013' class='pt-cv-tax-tutelas-2013'>Tutelas 2013<\/a><\/div>\n<h4 class=\"pt-cv-title\"><a href=\"https:\/\/www.dmsjuridica.com\/buscador_20179478954\/corteconstitucionalcronologico202454587\/t-486-13\/\" class=\"_self\" target=\"_self\" >T-486-13<\/a><\/h4>\n<div class=\"pt-cv-content\">\u00a0 \u00a0 \u00a0 \u00a0 \u00a0 \u00a0T-486-13 \u00a0 \u00a0 \u00a0 \u00a0 \u00a0 \u00a0\u00a0 Sentencia \u00a0 T-486\/13 \u00a0 \u00a0 PROTECCION CONSTITUCIONAL ESPECIAL DE PERSONAS \u00a0 PORTADORAS DE VIH\/SIDA-Reiteraci\u00f3n de \u00a0 jurisprudencia \u00a0 \u00a0 ACCION DE TUTELA PARA EL RECONOCIMIENTO DE PENSION DE \u00a0 INVALIDEZ A ENFERMO DE VIH\/SIDA-Procedencia \u00a0 por ser el mecanismo id\u00f3neo para la defensa de los derechos fundamentales del \u00a0 accionante y para lograr el reconocimiento de la prestaci\u00f3n pensional \u00a0 \u00a0 En trat\u00e1ndose de \u00a0 quienes solicitan una pensi\u00f3n de invalidez, debe tenerse en cuenta que son \u00a0 sujetos que se encuentran en un estado de debilidad manifiesta ...<br \/><div class=\"pt-cv-rmwrap\"><a href=\"https:\/\/www.dmsjuridica.com\/buscador_20179478954\/corteconstitucionalcronologico202454587\/t-486-13\/\" class=\"_self pt-cv-readmore btn btn-success\" target=\"_self\">Ver Sentencia Completa...<\/a><\/div><\/div><\/div><\/div>\n<div class=\"col-md-12 col-sm-12 col-xs-12 pt-cv-content-item pt-cv-1-col\" ><div class='pt-cv-ifield'><a href=\"https:\/\/www.dmsjuridica.com\/buscador_20179478954\/corteconstitucionalcronologico202454587\/t-485-13\/\" class=\"_self pt-cv-href-thumbnail pt-cv-thumb-default\" target=\"_self\" ><\/a>\n<div class=\"pt-cv-taxoterm above_title\"><a href='https:\/\/www.dmsjuridica.com\/buscador_20179478954\/corteconstitucionalcronologico202454587\/category\/buscar-en-toda-la-corte\/2013\/tutelas-2013\/' title='Tutelas 2013' class='pt-cv-tax-tutelas-2013'>Tutelas 2013<\/a><\/div>\n<h4 class=\"pt-cv-title\"><a href=\"https:\/\/www.dmsjuridica.com\/buscador_20179478954\/corteconstitucionalcronologico202454587\/t-485-13\/\" class=\"_self\" target=\"_self\" >T-485-13<\/a><\/h4>\n<div class=\"pt-cv-content\">\u00a0 \u00a0 \u00a0 \u00a0 \u00a0 \u00a0T-485-13 \u00a0 \u00a0 \u00a0 \u00a0 \u00a0 \u00a0\u00a0 Sentencia T-485\/13 \u00a0 \u00a0 ACCION DE TUTELA CONTRA LA REGISTRADURIA NACIONAL-Caso en que no se expide \u00a0 c\u00e9dula de ciudadan\u00eda por cuanto la accionante figura en el Registro Civil de \u00a0 Nacimiento como sexo masculino \u00a0 \u00a0 REGLAS JURISPRUDENCIALES EN MATERIA DE SUBSIDIARIEDAD DE LA ACCION DE TUTELA \u00a0 \u00a0 En aquellas situaciones en las \u00a0 que las personas cuenten con otro mecanismo o procedimiento judicial a su \u00a0 alcance para obtener la protecci\u00f3n de sus derechos, se debe optar de manera \u00a0 preferente por recurrir a ellos ...<br \/><div class=\"pt-cv-rmwrap\"><a href=\"https:\/\/www.dmsjuridica.com\/buscador_20179478954\/corteconstitucionalcronologico202454587\/t-485-13\/\" class=\"_self pt-cv-readmore btn btn-success\" target=\"_self\">Ver Sentencia Completa...<\/a><\/div><\/div><\/div><\/div>\n<div class=\"col-md-12 col-sm-12 col-xs-12 pt-cv-content-item pt-cv-1-col\" ><div class='pt-cv-ifield'><a href=\"https:\/\/www.dmsjuridica.com\/buscador_20179478954\/corteconstitucionalcronologico202454587\/t-484-13\/\" class=\"_self pt-cv-href-thumbnail pt-cv-thumb-default\" target=\"_self\" ><\/a>\n<div class=\"pt-cv-taxoterm above_title\"><a href='https:\/\/www.dmsjuridica.com\/buscador_20179478954\/corteconstitucionalcronologico202454587\/category\/buscar-en-toda-la-corte\/2013\/tutelas-2013\/' title='Tutelas 2013' class='pt-cv-tax-tutelas-2013'>Tutelas 2013<\/a><\/div>\n<h4 class=\"pt-cv-title\"><a href=\"https:\/\/www.dmsjuridica.com\/buscador_20179478954\/corteconstitucionalcronologico202454587\/t-484-13\/\" class=\"_self\" target=\"_self\" >T-484-13<\/a><\/h4>\n<div class=\"pt-cv-content\">\u00a0 \u00a0 \u00a0 \u00a0 \u00a0 \u00a0T-484-13 \u00a0 \u00a0 \u00a0 \u00a0 \u00a0 \u00a0\u00a0 Sentencia T-484\/13 \u00a0 \u00a0 ACCION DE TUTELA PARA OBTENER REINTEGRO LABORAL DE \u00a0 TRABAJADOR DISCAPACITADO QUE GOCE DE ESTABILIDAD LABORAL REFORZADA-Procedencia excepcional \u00a0 \u00a0 Reiteradamente la \u00a0 Corte ha se\u00f1alado que, en principio, el mecanismo de amparo es improcedente para \u00a0 reclamar el reintegro laboral, toda vez que \u00a0 el ordenamiento jur\u00eddico prev\u00e9 para el efecto, acciones judiciales espec\u00edficas \u00a0 cuyo conocimiento, ha sido asignado a la jurisdicci\u00f3n ordinaria laboral y a la \u00a0 de lo contencioso administrativo, seg\u00fan la forma de vinculaci\u00f3n de que se trate. \u00a0 ...<br \/><div class=\"pt-cv-rmwrap\"><a href=\"https:\/\/www.dmsjuridica.com\/buscador_20179478954\/corteconstitucionalcronologico202454587\/t-484-13\/\" class=\"_self pt-cv-readmore btn btn-success\" target=\"_self\">Ver Sentencia Completa...<\/a><\/div><\/div><\/div><\/div>\n<div class=\"col-md-12 col-sm-12 col-xs-12 pt-cv-content-item pt-cv-1-col\" ><div class='pt-cv-ifield'><a href=\"https:\/\/www.dmsjuridica.com\/buscador_20179478954\/corteconstitucionalcronologico202454587\/t-483-13\/\" class=\"_self pt-cv-href-thumbnail pt-cv-thumb-default\" target=\"_self\" ><\/a>\n<div class=\"pt-cv-taxoterm above_title\"><a href='https:\/\/www.dmsjuridica.com\/buscador_20179478954\/corteconstitucionalcronologico202454587\/category\/buscar-en-toda-la-corte\/2013\/tutelas-2013\/' title='Tutelas 2013' class='pt-cv-tax-tutelas-2013'>Tutelas 2013<\/a><\/div>\n<h4 class=\"pt-cv-title\"><a href=\"https:\/\/www.dmsjuridica.com\/buscador_20179478954\/corteconstitucionalcronologico202454587\/t-483-13\/\" class=\"_self\" target=\"_self\" >T-483-13<\/a><\/h4>\n<div class=\"pt-cv-content\">\u00a0 \u00a0 \u00a0 \u00a0 \u00a0 \u00a0T-483-13 \u00a0 \u00a0 \u00a0 \u00a0 \u00a0 \u00a0\u00a0 Sentencia T-483\/13 \u00a0 \u00a0 ACCION DE TUTELA FRENTE A ACTOS ADMINISTRATIVOS EN MATERIA DE CONCURSO DE \u00a0 MERITOS-Procedencia excepcional \u00a0 \u00a0 La acci\u00f3n de \u00a0 tutela solo puede invocarse cuando no exista otro medio de defensa judicial o, \u00a0 que existiendo, \u00e9ste no sea eficaz para la protecci\u00f3n de los derechos que se \u00a0 pretenden salvaguardar y evitar un perjuicio irremediable, evento en el cual \u00a0la Corte Constitucional tiene dos opciones para conceder el amparo, el primero \u00a0 de ellos, se da en los casos en que el ...<br \/><div class=\"pt-cv-rmwrap\"><a href=\"https:\/\/www.dmsjuridica.com\/buscador_20179478954\/corteconstitucionalcronologico202454587\/t-483-13\/\" class=\"_self pt-cv-readmore btn btn-success\" target=\"_self\">Ver Sentencia Completa...<\/a><\/div><\/div><\/div><\/div>\n<div class=\"col-md-12 col-sm-12 col-xs-12 pt-cv-content-item pt-cv-1-col\" ><div class='pt-cv-ifield'><a href=\"https:\/\/www.dmsjuridica.com\/buscador_20179478954\/corteconstitucionalcronologico202454587\/t-482-13\/\" class=\"_self pt-cv-href-thumbnail pt-cv-thumb-default\" target=\"_self\" ><\/a>\n<div class=\"pt-cv-taxoterm above_title\"><a href='https:\/\/www.dmsjuridica.com\/buscador_20179478954\/corteconstitucionalcronologico202454587\/category\/buscar-en-toda-la-corte\/2013\/tutelas-2013\/' title='Tutelas 2013' class='pt-cv-tax-tutelas-2013'>Tutelas 2013<\/a><\/div>\n<h4 class=\"pt-cv-title\"><a href=\"https:\/\/www.dmsjuridica.com\/buscador_20179478954\/corteconstitucionalcronologico202454587\/t-482-13\/\" class=\"_self\" target=\"_self\" >T-482-13<\/a><\/h4>\n<div class=\"pt-cv-content\">\u00a0 \u00a0 \u00a0 \u00a0 \u00a0 \u00a0T-482-13 \u00a0 \u00a0 \u00a0 \u00a0 \u00a0 \u00a0\u00a0 Sentencia T-482\/13 \u00a0 \u00a0 ACCION DE TUTELA CONTRA PROVIDENCIA JUDICIAL QUE \u00a0 RESUELVE INCIDENTE DE DESACATO-Procedencia \u00a0 excepcional \u00a0 \u00a0 Trat\u00e1ndose de solicitudes de \u00a0 amparo en contra de las providencias proferidas en el curso de un incidente de \u00a0 desacato, como aquella que resuelve el incidente, la Corte ha establecido que \u00a0 procede la acci\u00f3n de tutela excepcionalmente, siempre que logre verificarse la \u00a0 existencia de una v\u00eda de hecho. Lo anterior, por cuanto es claro que por medio \u00a0 del incidente de desacato, las autoridades judiciales ...<br \/><div class=\"pt-cv-rmwrap\"><a href=\"https:\/\/www.dmsjuridica.com\/buscador_20179478954\/corteconstitucionalcronologico202454587\/t-482-13\/\" class=\"_self pt-cv-readmore btn btn-success\" target=\"_self\">Ver Sentencia Completa...<\/a><\/div><\/div><\/div><\/div>\n<div class=\"col-md-12 col-sm-12 col-xs-12 pt-cv-content-item pt-cv-1-col\" ><div class='pt-cv-ifield'><a href=\"https:\/\/www.dmsjuridica.com\/buscador_20179478954\/corteconstitucionalcronologico202454587\/t-481-13\/\" class=\"_self pt-cv-href-thumbnail pt-cv-thumb-default\" target=\"_self\" ><\/a>\n<div class=\"pt-cv-taxoterm above_title\"><a href='https:\/\/www.dmsjuridica.com\/buscador_20179478954\/corteconstitucionalcronologico202454587\/category\/buscar-en-toda-la-corte\/2013\/tutelas-2013\/' title='Tutelas 2013' class='pt-cv-tax-tutelas-2013'>Tutelas 2013<\/a><\/div>\n<h4 class=\"pt-cv-title\"><a href=\"https:\/\/www.dmsjuridica.com\/buscador_20179478954\/corteconstitucionalcronologico202454587\/t-481-13\/\" class=\"_self\" target=\"_self\" >T-481-13<\/a><\/h4>\n<div class=\"pt-cv-content\">\u00a0 \u00a0 \u00a0 \u00a0 \u00a0 \u00a0T-481-13 \u00a0 \u00a0 \u00a0 \u00a0 \u00a0 \u00a0\u00a0 Sentencia T-481\/13 \u00a0 \u00a0 ACCION DE TUTELA TEMERARIA-Requisitos para que se configure \u00a0 \u00a0 ACCION DE TUTELA TEMERARIA-Identidad de partes, hechos y pretensiones \u00a0 \u00a0 ACCION DE TUTELA TEMERARIA-Valoraci\u00f3n cuidadosa por el juez \u00a0 \u00a0 La jurisprudencia constitucional ha sostenido \u00a0 que aunque dos o m\u00e1s solicitudes de amparo guarden identidad de partes, \u00a0 identidad de hechos o de causa, e identidad de pretensiones, antes de declarar \u00a0 la improcedencia de la acci\u00f3n, el juez de tutela debe examinar cuidadosamente \u00a0 las circunstancias particulares del caso y las ...<br \/><div class=\"pt-cv-rmwrap\"><a href=\"https:\/\/www.dmsjuridica.com\/buscador_20179478954\/corteconstitucionalcronologico202454587\/t-481-13\/\" class=\"_self pt-cv-readmore btn btn-success\" target=\"_self\">Ver Sentencia Completa...<\/a><\/div><\/div><\/div><\/div>\n<div class=\"col-md-12 col-sm-12 col-xs-12 pt-cv-content-item pt-cv-1-col\" ><div class='pt-cv-ifield'><a href=\"https:\/\/www.dmsjuridica.com\/buscador_20179478954\/corteconstitucionalcronologico202454587\/t-479-13\/\" class=\"_self pt-cv-href-thumbnail pt-cv-thumb-default\" target=\"_self\" ><\/a>\n<div class=\"pt-cv-taxoterm above_title\"><a href='https:\/\/www.dmsjuridica.com\/buscador_20179478954\/corteconstitucionalcronologico202454587\/category\/buscar-en-toda-la-corte\/2013\/tutelas-2013\/' title='Tutelas 2013' class='pt-cv-tax-tutelas-2013'>Tutelas 2013<\/a><\/div>\n<h4 class=\"pt-cv-title\"><a href=\"https:\/\/www.dmsjuridica.com\/buscador_20179478954\/corteconstitucionalcronologico202454587\/t-479-13\/\" class=\"_self\" target=\"_self\" >T-479-13<\/a><\/h4>\n<div class=\"pt-cv-content\">\u00a0 \u00a0 \u00a0 \u00a0 \u00a0 \u00a0T-479-13 \u00a0 \u00a0 \u00a0 \u00a0 \u00a0 \u00a0\u00a0 Sentencia T-479\/13 \u00a0 \u00a0 ACCION DE TUTELA PARA EL RECONOCIMIENTO DE INDEMNIZACION SUSTITUTIVA DE \u00a0 PENSION DE VEJEZ-Procedencia cuando afecta m\u00ednimo vital y no existe otro \u00a0 medio eficaz de defensa \u00a0 \u00a0 PRINCIPIO DE INMEDIATEZ EN ACCION DE TUTELA-Inaplicaci\u00f3n cuando violaci\u00f3n persiste en el tiempo \u00a0 \u00a0 El actor \u00a0 reclama en este caso una prestaci\u00f3n imprescriptible, y cuya negaci\u00f3n provoca una \u00a0 violaci\u00f3n permanente y continua del derecho a la seguridad social, motivo por el \u00a0 cual puede reclamarse en principio en cualquier tiempo. Finalmente, el ...<br \/><div class=\"pt-cv-rmwrap\"><a href=\"https:\/\/www.dmsjuridica.com\/buscador_20179478954\/corteconstitucionalcronologico202454587\/t-479-13\/\" class=\"_self pt-cv-readmore btn btn-success\" target=\"_self\">Ver Sentencia Completa...<\/a><\/div><\/div><\/div><\/div>\n<div class=\"col-md-12 col-sm-12 col-xs-12 pt-cv-content-item pt-cv-1-col\" ><div class='pt-cv-ifield'><a href=\"https:\/\/www.dmsjuridica.com\/buscador_20179478954\/corteconstitucionalcronologico202454587\/t-478-13\/\" class=\"_self pt-cv-href-thumbnail pt-cv-thumb-default\" target=\"_self\" ><\/a>\n<div class=\"pt-cv-taxoterm above_title\"><a href='https:\/\/www.dmsjuridica.com\/buscador_20179478954\/corteconstitucionalcronologico202454587\/category\/buscar-en-toda-la-corte\/2013\/tutelas-2013\/' title='Tutelas 2013' class='pt-cv-tax-tutelas-2013'>Tutelas 2013<\/a><\/div>\n<h4 class=\"pt-cv-title\"><a href=\"https:\/\/www.dmsjuridica.com\/buscador_20179478954\/corteconstitucionalcronologico202454587\/t-478-13\/\" class=\"_self\" target=\"_self\" >T-478-13<\/a><\/h4>\n<div class=\"pt-cv-content\">\u00a0 \u00a0 \u00a0 \u00a0 \u00a0 \u00a0T-478-13 \u00a0 \u00a0 \u00a0 \u00a0 \u00a0 \u00a0\u00a0 Sentencia T-478\/13 \u00a0 \u00a0 ACCION \u00a0 DE TUTELA DE MADRE COMUNITARIA-Procedencia \u00a0 por ser sujeto de especial protecci\u00f3n constitucional, porque es persona de \u00a0 escasos recursos con p\u00e9rdida de capacidad laboral \u00a0 \u00a0 Aunque pueden existir otras acciones judiciales para \u00a0 resolver esta controversia, debe tenerse en cuenta que la actora es una persona \u00a0 que perdi\u00f3 el 31.55% de su capacidad laboral, que actualmente no se encuentra \u00a0 amparada contra los riesgos de vejez, invalidez y muerte, y que carece de los \u00a0 recursos econ\u00f3micos necesarios para ...<br \/><div class=\"pt-cv-rmwrap\"><a href=\"https:\/\/www.dmsjuridica.com\/buscador_20179478954\/corteconstitucionalcronologico202454587\/t-478-13\/\" class=\"_self pt-cv-readmore btn btn-success\" target=\"_self\">Ver Sentencia Completa...<\/a><\/div><\/div><\/div><\/div>\n<div class=\"col-md-12 col-sm-12 col-xs-12 pt-cv-content-item pt-cv-1-col\" ><div class='pt-cv-ifield'><a href=\"https:\/\/www.dmsjuridica.com\/buscador_20179478954\/corteconstitucionalcronologico202454587\/t-477-13\/\" class=\"_self pt-cv-href-thumbnail pt-cv-thumb-default\" target=\"_self\" ><\/a>\n<div class=\"pt-cv-taxoterm above_title\"><a href='https:\/\/www.dmsjuridica.com\/buscador_20179478954\/corteconstitucionalcronologico202454587\/category\/buscar-en-toda-la-corte\/2013\/tutelas-2013\/' title='Tutelas 2013' class='pt-cv-tax-tutelas-2013'>Tutelas 2013<\/a><\/div>\n<h4 class=\"pt-cv-title\"><a href=\"https:\/\/www.dmsjuridica.com\/buscador_20179478954\/corteconstitucionalcronologico202454587\/t-477-13\/\" class=\"_self\" target=\"_self\" >T-477-13<\/a><\/h4>\n<div class=\"pt-cv-content\">\u00a0 \u00a0 \u00a0 \u00a0 \u00a0 \u00a0T-477-13 \u00a0 \u00a0 \u00a0 \u00a0 \u00a0 \u00a0\u00a0 Sentencia T-477\/13 \u00a0 \u00a0 DERECHO A LA \u00a0 SEGURIDAD SOCIAL-Reconocimiento del car\u00e1cter fundamental en el \u00e1mbito internacional \u00a0 \u00a0 Con fundamento en el texto de la Constituci\u00f3n, y en los tratados \u00a0 internacionales ratificados por el Estado colombiano, la jurisprudencia \u00a0 constitucional ha reconocido que el derecho a la seguridad social es un derecho \u00a0 fundamental. No obstante el car\u00e1cter fundamental que tiene el derecho a la \u00a0 seguridad social, es importante recordar que \u00e9sta Corporaci\u00f3n en su \u00a0 jurisprudencia inicial le neg\u00f3 este car\u00e1cter porque se trataba ...<br \/><div class=\"pt-cv-rmwrap\"><a href=\"https:\/\/www.dmsjuridica.com\/buscador_20179478954\/corteconstitucionalcronologico202454587\/t-477-13\/\" class=\"_self pt-cv-readmore btn btn-success\" target=\"_self\">Ver Sentencia Completa...<\/a><\/div><\/div><\/div><\/div>\n<div class=\"col-md-12 col-sm-12 col-xs-12 pt-cv-content-item pt-cv-1-col\" ><div class='pt-cv-ifield'><a href=\"https:\/\/www.dmsjuridica.com\/buscador_20179478954\/corteconstitucionalcronologico202454587\/t-476-13\/\" class=\"_self pt-cv-href-thumbnail pt-cv-thumb-default\" target=\"_self\" ><\/a>\n<div class=\"pt-cv-taxoterm above_title\"><a href='https:\/\/www.dmsjuridica.com\/buscador_20179478954\/corteconstitucionalcronologico202454587\/category\/buscar-en-toda-la-corte\/2013\/tutelas-2013\/' title='Tutelas 2013' class='pt-cv-tax-tutelas-2013'>Tutelas 2013<\/a><\/div>\n<h4 class=\"pt-cv-title\"><a href=\"https:\/\/www.dmsjuridica.com\/buscador_20179478954\/corteconstitucionalcronologico202454587\/t-476-13\/\" class=\"_self\" target=\"_self\" >T-476-13<\/a><\/h4>\n<div class=\"pt-cv-content\">\u00a0 \u00a0 \u00a0 \u00a0 \u00a0 \u00a0T-476-13 \u00a0 \u00a0 \u00a0 \u00a0 \u00a0 \u00a0\u00a0 Sentencia T-476\/13 \u00a0 \u00a0 REGIMEN DE TRANSICION EN PENSION DE VEJEZ-Alcance \u00a0 de la jurisprudencia constitucional\/PRINCIPIO DE FAVORABILIDAD EN REGIMEN DE \u00a0 TRANSICION DE PENSIONES \u00a0 \u00a0 En virtud del art\u00edculo 36 de la \u00a0 Ley 100 de 1993, se cre\u00f3 el r\u00e9gimen de transici\u00f3n, el cual conserv\u00f3 las antiguas \u00a0 disposiciones legales bajo las cuales las personas ven\u00edan haciendo sus aportes a \u00a0 la seguridad social y exigi\u00f3 el cumplimiento de ciertas condiciones: que al \u00a0 momento de entrar en vigencia la Ley 100 de 1993 es ...<br \/><div class=\"pt-cv-rmwrap\"><a href=\"https:\/\/www.dmsjuridica.com\/buscador_20179478954\/corteconstitucionalcronologico202454587\/t-476-13\/\" class=\"_self pt-cv-readmore btn btn-success\" target=\"_self\">Ver Sentencia Completa...<\/a><\/div><\/div><\/div><\/div>\n<div class=\"col-md-12 col-sm-12 col-xs-12 pt-cv-content-item pt-cv-1-col\" ><div class='pt-cv-ifield'><a href=\"https:\/\/www.dmsjuridica.com\/buscador_20179478954\/corteconstitucionalcronologico202454587\/t-475-13\/\" class=\"_self pt-cv-href-thumbnail pt-cv-thumb-default\" target=\"_self\" ><\/a>\n<div class=\"pt-cv-taxoterm above_title\"><a href='https:\/\/www.dmsjuridica.com\/buscador_20179478954\/corteconstitucionalcronologico202454587\/category\/buscar-en-toda-la-corte\/2013\/tutelas-2013\/' title='Tutelas 2013' class='pt-cv-tax-tutelas-2013'>Tutelas 2013<\/a><\/div>\n<h4 class=\"pt-cv-title\"><a href=\"https:\/\/www.dmsjuridica.com\/buscador_20179478954\/corteconstitucionalcronologico202454587\/t-475-13\/\" class=\"_self\" target=\"_self\" >T-475-13<\/a><\/h4>\n<div class=\"pt-cv-content\">\u00a0 \u00a0 \u00a0 \u00a0 \u00a0 \u00a0T-475-13 \u00a0 \u00a0 \u00a0 \u00a0 \u00a0 \u00a0\u00a0 Sentencia T-475\/13 \u00a0 \u00a0 PENSION DE VEJEZ-Reglas \u00a0 jurisprudenciales para la procedencia de tutela \u00a0 \u00a0 El \u00a0 interesado debe demostrar unos requisitos m\u00ednimos, relacionados directamente con \u00a0 el derecho reclamado, as\u00ed deber\u00e1 (i) acreditar sumariamente la \u00a0 existencia de la titularidad del derecho alegado, (ii) que la falta de reconocimiento de la prestaci\u00f3n reclamada genera \u00a0 un alto grado de afectaci\u00f3n de los derechos fundamentales, en particular del \u00a0 derecho al m\u00ednimo vital, salvo cuando las entidades responsables de su \u00a0 reconocimiento act\u00faen de manera arbitraria e ...<br \/><div class=\"pt-cv-rmwrap\"><a href=\"https:\/\/www.dmsjuridica.com\/buscador_20179478954\/corteconstitucionalcronologico202454587\/t-475-13\/\" class=\"_self pt-cv-readmore btn btn-success\" target=\"_self\">Ver Sentencia Completa...<\/a><\/div><\/div><\/div><\/div>\n<div class=\"col-md-12 col-sm-12 col-xs-12 pt-cv-content-item pt-cv-1-col\" ><div class='pt-cv-ifield'><a href=\"https:\/\/www.dmsjuridica.com\/buscador_20179478954\/corteconstitucionalcronologico202454587\/t-469-13\/\" class=\"_self pt-cv-href-thumbnail pt-cv-thumb-default\" target=\"_self\" ><\/a>\n<div class=\"pt-cv-taxoterm above_title\"><a href='https:\/\/www.dmsjuridica.com\/buscador_20179478954\/corteconstitucionalcronologico202454587\/category\/buscar-en-toda-la-corte\/2013\/tutelas-2013\/' title='Tutelas 2013' class='pt-cv-tax-tutelas-2013'>Tutelas 2013<\/a><\/div>\n<h4 class=\"pt-cv-title\"><a href=\"https:\/\/www.dmsjuridica.com\/buscador_20179478954\/corteconstitucionalcronologico202454587\/t-469-13\/\" class=\"_self\" target=\"_self\" >T-469-13<\/a><\/h4>\n<div class=\"pt-cv-content\">\u00a0 \u00a0 \u00a0 \u00a0 \u00a0 \u00a0T-469-13 \u00a0 \u00a0 \u00a0 \u00a0 \u00a0 \u00a0\u00a0 Sentencia T-469\/13 \u00a0 \u00a0 PENSION POR INVALIDEZ PARA VICTIMAS DE LA VIOLENCIA-Naturaleza \u00a0 \u00a0 PENSION POR INVALIDEZ PARA VICTIMAS DE LA VIOLENCIA-Antecedentes\/PENSION POR INVALIDEZ PARA VICTIMAS DE \u00a0 LA VIOLENCIA-Pr\u00f3rrogas \u00a0 \u00a0 PENSION POR INVALIDEZ PARA VICTIMAS DE LA VIOLENCIA-Normatividad \u00a0 \u00a0 PENSION POR INVALIDEZ PARA VICTIMAS DE LA VIOLENCIA-Vigencia, seg\u00fan art\u00edculo 46 de la ley 418\/97 \u00a0 \u00a0 PENSION POR INVALIDEZ PARA VICTIMAS DE LA VIOLENCIA-Prohibici\u00f3n de regresividad en derechos sociales \u00a0 \u00a0 PRINCIPIO DE PROGRESIVIDAD Y PROHIBICION DE \u00a0 REGRESIVIDAD EN MATERIA DE DERECHOS SOCIALES-Jurisprudencia constitucional ...<br \/><div class=\"pt-cv-rmwrap\"><a href=\"https:\/\/www.dmsjuridica.com\/buscador_20179478954\/corteconstitucionalcronologico202454587\/t-469-13\/\" class=\"_self pt-cv-readmore btn btn-success\" target=\"_self\">Ver Sentencia Completa...<\/a><\/div><\/div><\/div><\/div>\n<div class=\"col-md-12 col-sm-12 col-xs-12 pt-cv-content-item pt-cv-1-col\" ><div class='pt-cv-ifield'><a href=\"https:\/\/www.dmsjuridica.com\/buscador_20179478954\/corteconstitucionalcronologico202454587\/t-468-13\/\" class=\"_self pt-cv-href-thumbnail pt-cv-thumb-default\" target=\"_self\" ><\/a>\n<div class=\"pt-cv-taxoterm above_title\"><a href='https:\/\/www.dmsjuridica.com\/buscador_20179478954\/corteconstitucionalcronologico202454587\/category\/buscar-en-toda-la-corte\/2013\/tutelas-2013\/' title='Tutelas 2013' class='pt-cv-tax-tutelas-2013'>Tutelas 2013<\/a><\/div>\n<h4 class=\"pt-cv-title\"><a href=\"https:\/\/www.dmsjuridica.com\/buscador_20179478954\/corteconstitucionalcronologico202454587\/t-468-13\/\" class=\"_self\" target=\"_self\" >T-468-13<\/a><\/h4>\n<div class=\"pt-cv-content\">\u00a0 \u00a0 \u00a0 \u00a0 \u00a0 \u00a0T-468-13 \u00a0 \u00a0 \u00a0 \u00a0 \u00a0 \u00a0\u00a0 Sentencia T-468\/13 \u00a0 \u00a0 SERVICIOS DE SALUD INCLUIDOS Y NO INCLUIDOS EN EL PLAN \u00a0 OBLIGATORIO DE SALUD-Fundamentabilidad \u00a0 del derecho a la salud \u00a0 \u00a0 DERECHO A LA SALUD-Mecanismos esenciales e interrelacionados de disponibilidad, calidad, \u00a0 aceptabilidad y accesibilidad seg\u00fan Comit\u00e9 de Derechos Econ\u00f3micos, Sociales y \u00a0 Culturales \u00a0 \u00a0 La jurisprudencia constitucional, con base en la \u00a0 normatividad internacional, ha se\u00f1alado que el derecho a la salud tiene cuatro \u00a0 dimensiones disponibilidad, accesibilidad, aceptabilidad y calidad, de las \u00a0 cuales se deriva que toda persona tiene ...<br \/><div class=\"pt-cv-rmwrap\"><a href=\"https:\/\/www.dmsjuridica.com\/buscador_20179478954\/corteconstitucionalcronologico202454587\/t-468-13\/\" class=\"_self pt-cv-readmore btn btn-success\" target=\"_self\">Ver Sentencia Completa...<\/a><\/div><\/div><\/div><\/div>\n<div class=\"col-md-12 col-sm-12 col-xs-12 pt-cv-content-item pt-cv-1-col\" ><div class='pt-cv-ifield'><a href=\"https:\/\/www.dmsjuridica.com\/buscador_20179478954\/corteconstitucionalcronologico202454587\/t-467-13\/\" class=\"_self pt-cv-href-thumbnail pt-cv-thumb-default\" target=\"_self\" ><\/a>\n<div class=\"pt-cv-taxoterm above_title\"><a href='https:\/\/www.dmsjuridica.com\/buscador_20179478954\/corteconstitucionalcronologico202454587\/category\/buscar-en-toda-la-corte\/2013\/tutelas-2013\/' title='Tutelas 2013' class='pt-cv-tax-tutelas-2013'>Tutelas 2013<\/a><\/div>\n<h4 class=\"pt-cv-title\"><a href=\"https:\/\/www.dmsjuridica.com\/buscador_20179478954\/corteconstitucionalcronologico202454587\/t-467-13\/\" class=\"_self\" target=\"_self\" >T-467-13<\/a><\/h4>\n<div class=\"pt-cv-content\">\u00a0 \u00a0 \u00a0 \u00a0 \u00a0 \u00a0T-467-13 \u00a0 \u00a0 \u00a0 \u00a0 \u00a0 \u00a0\u00a0 Sentencia T-467\/13 \u00a0 \u00a0 CARENCIA ACTUAL DE OBJETO POR HECHO SUPERADO-Caso en que colegio expidi\u00f3 certificados acad\u00e9micos, \u00a0 previo acuerdo de pago \u00a0 \u00a0 Referencia: \u00a0 expediente T-3.851.570 \u00a0 \u00a0 Acci\u00f3n de \u00a0 tutela interpuesta por Sury Santana Cantillo, en representaci\u00f3n de su menor hija \u00a0 Daniela Mendoza Santana, contra el Colegio Modelo Adventista. \u00a0 \u00a0 Magistrado \u00a0 sustanciador: \u00a0 \u00a0 LUIS ERNESTO \u00a0 VARGAS SILVA \u00a0 \u00a0 Bogot\u00e1, D.C., veintitr\u00e9s (23) de \u00a0 julio de dos mil trece (2013). \u00a0 \u00a0 La Sala Novena de Revisi\u00f3n de ...<br \/><div class=\"pt-cv-rmwrap\"><a href=\"https:\/\/www.dmsjuridica.com\/buscador_20179478954\/corteconstitucionalcronologico202454587\/t-467-13\/\" class=\"_self pt-cv-readmore btn btn-success\" target=\"_self\">Ver Sentencia Completa...<\/a><\/div><\/div><\/div><\/div>\n<div class=\"col-md-12 col-sm-12 col-xs-12 pt-cv-content-item pt-cv-1-col\" ><div class='pt-cv-ifield'><a href=\"https:\/\/www.dmsjuridica.com\/buscador_20179478954\/corteconstitucionalcronologico202454587\/t-466-13\/\" class=\"_self pt-cv-href-thumbnail pt-cv-thumb-default\" target=\"_self\" ><\/a>\n<div class=\"pt-cv-taxoterm above_title\"><a href='https:\/\/www.dmsjuridica.com\/buscador_20179478954\/corteconstitucionalcronologico202454587\/category\/buscar-en-toda-la-corte\/2013\/tutelas-2013\/' title='Tutelas 2013' class='pt-cv-tax-tutelas-2013'>Tutelas 2013<\/a><\/div>\n<h4 class=\"pt-cv-title\"><a href=\"https:\/\/www.dmsjuridica.com\/buscador_20179478954\/corteconstitucionalcronologico202454587\/t-466-13\/\" class=\"_self\" target=\"_self\" >T-466-13<\/a><\/h4>\n<div class=\"pt-cv-content\">\u00a0 \u00a0 \u00a0 \u00a0 \u00a0 \u00a0T-466-13 \u00a0 \u00a0 \u00a0 \u00a0 \u00a0 \u00a0\u00a0 Sentencia T-466\/13 \u00a0 \u00a0 DERECHO A LA SALUD DE NI\u00d1OS, NI\u00d1AS Y \u00a0 ADOLESCENTES-Integralidad en la prestaci\u00f3n del servicio de salud \u00a0 \u00a0 El derecho fundamental a la \u00a0 salud de los ni\u00f1os entendido como el derecho a tener un completo bienestar \u00a0 f\u00edsico, mental y social debe ser reconocido en su nivel m\u00e1s alto posible y \u00a0 garantizado de manera integral cuando sea \u00a0 necesario con el fin de asegurar su sano desarrollo. \u00a0 \u00a0 SUMINISTRO DE MEDICAMENTOS, TRATAMIENTOS Y \u00a0 PROCEDIMIENTOS EXCLUIDOS DEL POS-Requisitos \u00a0 \u00a0 ...<br \/><div class=\"pt-cv-rmwrap\"><a href=\"https:\/\/www.dmsjuridica.com\/buscador_20179478954\/corteconstitucionalcronologico202454587\/t-466-13\/\" class=\"_self pt-cv-readmore btn btn-success\" target=\"_self\">Ver Sentencia Completa...<\/a><\/div><\/div><\/div><\/div>\n<div class=\"col-md-12 col-sm-12 col-xs-12 pt-cv-content-item pt-cv-1-col\" ><div class='pt-cv-ifield'><a href=\"https:\/\/www.dmsjuridica.com\/buscador_20179478954\/corteconstitucionalcronologico202454587\/t-465-13\/\" class=\"_self pt-cv-href-thumbnail pt-cv-thumb-default\" target=\"_self\" ><\/a>\n<div class=\"pt-cv-taxoterm above_title\"><a href='https:\/\/www.dmsjuridica.com\/buscador_20179478954\/corteconstitucionalcronologico202454587\/category\/buscar-en-toda-la-corte\/2013\/tutelas-2013\/' title='Tutelas 2013' class='pt-cv-tax-tutelas-2013'>Tutelas 2013<\/a><\/div>\n<h4 class=\"pt-cv-title\"><a href=\"https:\/\/www.dmsjuridica.com\/buscador_20179478954\/corteconstitucionalcronologico202454587\/t-465-13\/\" class=\"_self\" target=\"_self\" >T-465-13<\/a><\/h4>\n<div class=\"pt-cv-content\">\u00a0 \u00a0 \u00a0 \u00a0 \u00a0 \u00a0T-465-13 \u00a0 \u00a0 \u00a0 \u00a0 \u00a0 \u00a0\u00a0 Sentencia T-465\/13 \u00a0 \u00a0 ACCION DE TUTELA CONTRA PROVIDENCIAS JUDICIALES-Requisitos generales y especiales de procedibilidad \u00a0 \u00a0 CARACTERIZACION DEL DEFECTO MATERIAL O SUSTANTIVO COMO \u00a0 CAUSAL DE PROCEDIBILIDAD DE LA ACCION DE TUTELA CONTRA PROVIDENCIAS JUDICIALES-Reiteraci\u00f3n de jurisprudencia \u00a0 \u00a0 DEFECTO SUSTANTIVO-Presupuestos para su configuraci\u00f3n \u00a0 \u00a0 El desarrollo jurisprudencial \u00a0 de esta causal ha llevado a la identificaci\u00f3n de\u00a0 una serie de situaciones \u00a0 en las que se incurre en dicho error, principalmente en los siguientes eventos: \u00a0 (i) \u00a0Cuando existe una carencia absoluta de \u00a0 fundamento ...<br \/><div class=\"pt-cv-rmwrap\"><a href=\"https:\/\/www.dmsjuridica.com\/buscador_20179478954\/corteconstitucionalcronologico202454587\/t-465-13\/\" class=\"_self pt-cv-readmore btn btn-success\" target=\"_self\">Ver Sentencia Completa...<\/a><\/div><\/div><\/div><\/div>\n<div class=\"col-md-12 col-sm-12 col-xs-12 pt-cv-content-item pt-cv-1-col\" ><div class='pt-cv-ifield'><a href=\"https:\/\/www.dmsjuridica.com\/buscador_20179478954\/corteconstitucionalcronologico202454587\/t-464-13\/\" class=\"_self pt-cv-href-thumbnail pt-cv-thumb-default\" target=\"_self\" ><\/a>\n<div class=\"pt-cv-taxoterm above_title\"><a href='https:\/\/www.dmsjuridica.com\/buscador_20179478954\/corteconstitucionalcronologico202454587\/category\/buscar-en-toda-la-corte\/2013\/tutelas-2013\/' title='Tutelas 2013' class='pt-cv-tax-tutelas-2013'>Tutelas 2013<\/a><\/div>\n<h4 class=\"pt-cv-title\"><a href=\"https:\/\/www.dmsjuridica.com\/buscador_20179478954\/corteconstitucionalcronologico202454587\/t-464-13\/\" class=\"_self\" target=\"_self\" >T-464-13<\/a><\/h4>\n<div class=\"pt-cv-content\">\u00a0 \u00a0 \u00a0 \u00a0 \u00a0 \u00a0T-464-13 \u00a0 \u00a0 \u00a0 \u00a0 \u00a0 \u00a0\u00a0 Sentencia\u00a0 \u00a0 T-464\/13 \u00a0 \u00a0 ACCION DE TUTELA CONTRA PROVIDENCIAS JUDICIALES-Improcedencia general \u00a0 \u00a0 ACCION DE TUTELA CONTRA PROVIDENCIAS JUDICIALES-Requisitos generales y especiales de procedibilidad \u00a0 \u00a0 ACTA DE CONCILIACION LABORAL-Caracter\u00edsticas y requisitos, seg\u00fan ley 640\/01 \u00a0 \u00a0 La Corte ha \u00a0 desarrollado amplia jurisprudencia estructurando las caracter\u00edsticas esenciales \u00a0 de la conciliaci\u00f3n, a saber: i) Es un instrumento de autocomposici\u00f3n de \u00a0 un conflicto, en el que las partes involucradas, con la intervenci\u00f3n del \u00a0 conciliador y la voluntad de ellas, llegan a un acuerdo que implica ...<br \/><div class=\"pt-cv-rmwrap\"><a href=\"https:\/\/www.dmsjuridica.com\/buscador_20179478954\/corteconstitucionalcronologico202454587\/t-464-13\/\" class=\"_self pt-cv-readmore btn btn-success\" target=\"_self\">Ver Sentencia Completa...<\/a><\/div><\/div><\/div><\/div>\n<div class=\"col-md-12 col-sm-12 col-xs-12 pt-cv-content-item pt-cv-1-col\" ><div class='pt-cv-ifield'><a href=\"https:\/\/www.dmsjuridica.com\/buscador_20179478954\/corteconstitucionalcronologico202454587\/t-463-13\/\" class=\"_self pt-cv-href-thumbnail pt-cv-thumb-default\" target=\"_self\" ><\/a>\n<div class=\"pt-cv-taxoterm above_title\"><a href='https:\/\/www.dmsjuridica.com\/buscador_20179478954\/corteconstitucionalcronologico202454587\/category\/buscar-en-toda-la-corte\/2013\/tutelas-2013\/' title='Tutelas 2013' class='pt-cv-tax-tutelas-2013'>Tutelas 2013<\/a><\/div>\n<h4 class=\"pt-cv-title\"><a href=\"https:\/\/www.dmsjuridica.com\/buscador_20179478954\/corteconstitucionalcronologico202454587\/t-463-13\/\" class=\"_self\" target=\"_self\" >T-463-13<\/a><\/h4>\n<div class=\"pt-cv-content\">\u00a0 \u00a0 \u00a0 \u00a0 \u00a0 \u00a0T-463-13 \u00a0 \u00a0 \u00a0 \u00a0 \u00a0 \u00a0\u00a0 Sentencia \u00a0 T-463\/13 \u00a0 \u00a0 DERECHO DE ACCESO A LA ADMINISTRACION DE \u00a0 JUSTICIA-Consejo Seccional \u00a0 de la Judicatura es competente para conocer y tramitar acci\u00f3n de tutela contra \u00a0 la Corte Suprema de Justicia, seg\u00fan auto 004 de 2004 y 100 de 2008 \u00a0 \u00a0 ACCION DE TUTELA CONTRA PROVIDENCIAS \u00a0 JUDICIALES-Requisitos \u00a0 generales y especiales de procedibilidad \u00a0 \u00a0 ACCION DE TUTELA CONTRA PROVIDENCIAS \u00a0 JUDICIALES PARA INDEXACION DE LA PRIMERA MESADA PENSIONAL-Procedencia \u00a0 excepcional \u00a0 \u00a0 INDEXACION DE LA PRIMERA MESADA PENSIONAL \u00a0 COMO DERECHO ...<br \/><div class=\"pt-cv-rmwrap\"><a href=\"https:\/\/www.dmsjuridica.com\/buscador_20179478954\/corteconstitucionalcronologico202454587\/t-463-13\/\" class=\"_self pt-cv-readmore btn btn-success\" target=\"_self\">Ver Sentencia Completa...<\/a><\/div><\/div><\/div><\/div>\n<div class=\"col-md-12 col-sm-12 col-xs-12 pt-cv-content-item pt-cv-1-col\" ><div class='pt-cv-ifield'><a href=\"https:\/\/www.dmsjuridica.com\/buscador_20179478954\/corteconstitucionalcronologico202454587\/t-458-13\/\" class=\"_self pt-cv-href-thumbnail pt-cv-thumb-default\" target=\"_self\" ><\/a>\n<div class=\"pt-cv-taxoterm above_title\"><a href='https:\/\/www.dmsjuridica.com\/buscador_20179478954\/corteconstitucionalcronologico202454587\/category\/buscar-en-toda-la-corte\/2013\/tutelas-2013\/' title='Tutelas 2013' class='pt-cv-tax-tutelas-2013'>Tutelas 2013<\/a><\/div>\n<h4 class=\"pt-cv-title\"><a href=\"https:\/\/www.dmsjuridica.com\/buscador_20179478954\/corteconstitucionalcronologico202454587\/t-458-13\/\" class=\"_self\" target=\"_self\" >T-458-13<\/a><\/h4>\n<div class=\"pt-cv-content\">\u00a0 \u00a0 \u00a0 \u00a0 \u00a0 \u00a0T-458-13 \u00a0 \u00a0 \u00a0 \u00a0 \u00a0 \u00a0\u00a0 Sentencia \u00a0 T-458\/13 \u00a0 \u00a0 DERECHO A LA \u00a0 EDUCACION-Consagraci\u00f3n constitucional \u00a0 \u00a0 Dentro del marco \u00a0 constitucional, el art\u00edculo 67 consagra el derecho fundamental a la educaci\u00f3n. Conforme a \u00a0 tal disposici\u00f3n, la educaci\u00f3n es (i) un servicio p\u00fablico de \u00a0 car\u00e1cter obligatorio, que se encuentra bajo la direcci\u00f3n, coordinaci\u00f3n, \u00a0 inspecci\u00f3n y vigilancia del Estado, cuya cobertura se debe ampliar \u00a0 progresivamente y, (ii) un derecho que se garantiza a todos los habitantes. Como \u00a0 m\u00e1ximo int\u00e9rprete de la Constituci\u00f3n, esta Corporaci\u00f3n se ha referido al ...<br \/><div class=\"pt-cv-rmwrap\"><a href=\"https:\/\/www.dmsjuridica.com\/buscador_20179478954\/corteconstitucionalcronologico202454587\/t-458-13\/\" class=\"_self pt-cv-readmore btn btn-success\" target=\"_self\">Ver Sentencia Completa...<\/a><\/div><\/div><\/div><\/div>\n<div class=\"col-md-12 col-sm-12 col-xs-12 pt-cv-content-item pt-cv-1-col\" ><div class='pt-cv-ifield'><a href=\"https:\/\/www.dmsjuridica.com\/buscador_20179478954\/corteconstitucionalcronologico202454587\/t-457-13\/\" class=\"_self pt-cv-href-thumbnail pt-cv-thumb-default\" target=\"_self\" ><\/a>\n<div class=\"pt-cv-taxoterm above_title\"><a href='https:\/\/www.dmsjuridica.com\/buscador_20179478954\/corteconstitucionalcronologico202454587\/category\/buscar-en-toda-la-corte\/2013\/tutelas-2013\/' title='Tutelas 2013' class='pt-cv-tax-tutelas-2013'>Tutelas 2013<\/a><\/div>\n<h4 class=\"pt-cv-title\"><a href=\"https:\/\/www.dmsjuridica.com\/buscador_20179478954\/corteconstitucionalcronologico202454587\/t-457-13\/\" class=\"_self\" target=\"_self\" >T-457-13<\/a><\/h4>\n<div class=\"pt-cv-content\">\u00a0 \u00a0 \u00a0 \u00a0 \u00a0 \u00a0T-457-13 \u00a0 \u00a0 \u00a0 \u00a0 \u00a0 \u00a0\u00a0 Sentencia T-457\/13 \u00a0 \u00a0 DERECHO A LA ESTABILIDAD LABORAL REFORZADA DE PERSONA EN ESTADO DE DEBILIDAD \u00a0 MANIFIESTA POR RAZONES DE SALUD-Reglas jurisprudenciales \u00a0 \u00a0 El empleado que padece una de las limitaciones se\u00f1aladas por la \u00a0 jurisprudencia constitucional,\u00a0 tiene el derecho a una estabilidad laboral \u00a0 reforzada, an\u00e1logo a como se configura para el caso de las mujeres embarazadas o \u00a0 lactantes, los menores de edad y los trabajadores aforados. Paralelamente, se \u00a0 colige que la estabilidad laboral reforzada se hace extensiva a todos los \u00a0 trabajadores ...<br \/><div class=\"pt-cv-rmwrap\"><a href=\"https:\/\/www.dmsjuridica.com\/buscador_20179478954\/corteconstitucionalcronologico202454587\/t-457-13\/\" class=\"_self pt-cv-readmore btn btn-success\" target=\"_self\">Ver Sentencia Completa...<\/a><\/div><\/div><\/div><\/div>\n<div class=\"col-md-12 col-sm-12 col-xs-12 pt-cv-content-item pt-cv-1-col\" ><div class='pt-cv-ifield'><a href=\"https:\/\/www.dmsjuridica.com\/buscador_20179478954\/corteconstitucionalcronologico202454587\/t-456-13\/\" class=\"_self pt-cv-href-thumbnail pt-cv-thumb-default\" target=\"_self\" ><\/a>\n<div class=\"pt-cv-taxoterm above_title\"><a href='https:\/\/www.dmsjuridica.com\/buscador_20179478954\/corteconstitucionalcronologico202454587\/category\/buscar-en-toda-la-corte\/2013\/tutelas-2013\/' title='Tutelas 2013' class='pt-cv-tax-tutelas-2013'>Tutelas 2013<\/a><\/div>\n<h4 class=\"pt-cv-title\"><a href=\"https:\/\/www.dmsjuridica.com\/buscador_20179478954\/corteconstitucionalcronologico202454587\/t-456-13\/\" class=\"_self\" target=\"_self\" >T-456-13<\/a><\/h4>\n<div class=\"pt-cv-content\">\u00a0 \u00a0 \u00a0 \u00a0 \u00a0 \u00a0T-456-13 \u00a0 \u00a0 \u00a0 \u00a0 \u00a0 \u00a0\u00a0 Sentencia T-456\/13 \u00a0 \u00a0 ACCION DE TUTELA PARA RELIQUIDACION DE PENSION DE \u00a0 VEJEZ-Improcedencia general \u00a0 \u00a0 REGLAS JURISPRUDENCIALES SOBRE LA PROCEDENCIA \u00a0 EXCEPCIONAL DEL RECONOCIMIENTO Y\/O RELIQUIDACION DE LA PENSION POR TUTELA-Reiteraci\u00f3n de jurisprudencia \u00a0 \u00a0 ACCION DE TUTELA CONTRA PROVIDENCIAS JUDICIALES-Requisitos generales y especiales de procedibilidad \u00a0 \u00a0 PRINCIPIOS DE FAVORABILIDAD, IRRENUNCIABILIDAD E \u00a0 IMPRESCRIPTIBILIDAD EN MATERIA PENSIONAL-Si la entidad encargada realiza una incorrecta liquidaci\u00f3n de la \u00a0 pensi\u00f3n, el afectado tiene derecho a la reliquidaci\u00f3n pensional en cualquier \u00a0 tiempo\/DERECHO A LA RELIQUIDACION DE PENSION ...<br \/><div class=\"pt-cv-rmwrap\"><a href=\"https:\/\/www.dmsjuridica.com\/buscador_20179478954\/corteconstitucionalcronologico202454587\/t-456-13\/\" class=\"_self pt-cv-readmore btn btn-success\" target=\"_self\">Ver Sentencia Completa...<\/a><\/div><\/div><\/div><\/div>\n<div class=\"col-md-12 col-sm-12 col-xs-12 pt-cv-content-item pt-cv-1-col\" ><div class='pt-cv-ifield'><a href=\"https:\/\/www.dmsjuridica.com\/buscador_20179478954\/corteconstitucionalcronologico202454587\/t-455-13\/\" class=\"_self pt-cv-href-thumbnail pt-cv-thumb-default\" target=\"_self\" ><\/a>\n<div class=\"pt-cv-taxoterm above_title\"><a href='https:\/\/www.dmsjuridica.com\/buscador_20179478954\/corteconstitucionalcronologico202454587\/category\/buscar-en-toda-la-corte\/2013\/tutelas-2013\/' title='Tutelas 2013' class='pt-cv-tax-tutelas-2013'>Tutelas 2013<\/a><\/div>\n<h4 class=\"pt-cv-title\"><a href=\"https:\/\/www.dmsjuridica.com\/buscador_20179478954\/corteconstitucionalcronologico202454587\/t-455-13\/\" class=\"_self\" target=\"_self\" >T-455-13<\/a><\/h4>\n<div class=\"pt-cv-content\">\u00a0 \u00a0 \u00a0 \u00a0 \u00a0 \u00a0T-455-13 \u00a0 \u00a0 \u00a0 \u00a0 \u00a0 \u00a0\u00a0 Sentencia T-455\/13 \u00a0 \u00a0 REVOCATORIA DE ACTO ADMINISTRATIVO DE RECONOCIMIENTO DE \u00a0 PENSION-Art\u00edculo 19 de Ley 797\/03 \u00a0 permit\u00eda revocar directamente pero solo ante evidencia de fraude \u00a0 \u00a0 Del contenido del art\u00edculo 19 de la Ley 797 de 2003 se \u00a0 desprende que el supuesto que permite su aplicaci\u00f3n es el de los actos \u00a0 administrativos de contenido particular y concreto y espec\u00edficamente aquellos \u00a0 que irregularmente han reconocido pensiones o prestaciones econ\u00f3micas, cuya \u00a0 revocaci\u00f3n ha de estar precedida por el adelantamiento de un procedimiento que ...<br \/><div class=\"pt-cv-rmwrap\"><a href=\"https:\/\/www.dmsjuridica.com\/buscador_20179478954\/corteconstitucionalcronologico202454587\/t-455-13\/\" class=\"_self pt-cv-readmore btn btn-success\" target=\"_self\">Ver Sentencia Completa...<\/a><\/div><\/div><\/div><\/div>\n<div class=\"col-md-12 col-sm-12 col-xs-12 pt-cv-content-item pt-cv-1-col\" ><div class='pt-cv-ifield'><a href=\"https:\/\/www.dmsjuridica.com\/buscador_20179478954\/corteconstitucionalcronologico202454587\/t-454-13\/\" class=\"_self pt-cv-href-thumbnail pt-cv-thumb-default\" target=\"_self\" ><\/a>\n<div class=\"pt-cv-taxoterm above_title\"><a href='https:\/\/www.dmsjuridica.com\/buscador_20179478954\/corteconstitucionalcronologico202454587\/category\/buscar-en-toda-la-corte\/2013\/tutelas-2013\/' title='Tutelas 2013' class='pt-cv-tax-tutelas-2013'>Tutelas 2013<\/a><\/div>\n<h4 class=\"pt-cv-title\"><a href=\"https:\/\/www.dmsjuridica.com\/buscador_20179478954\/corteconstitucionalcronologico202454587\/t-454-13\/\" class=\"_self\" target=\"_self\" >T-454-13<\/a><\/h4>\n<div class=\"pt-cv-content\">\u00a0 \u00a0 \u00a0 \u00a0 \u00a0 \u00a0T-454-13 \u00a0 \u00a0 \u00a0 \u00a0 \u00a0 \u00a0\u00a0 Sentencia T-454\/13 \u00a0 \u00a0 CARENCIA ACTUAL DE OBJETO POR DA\u00d1O CONSUMADO-No impide a la Corte Constitucional pronunciamiento de \u00a0 fondo sobre la existencia de una violaci\u00f3n de derechos fundamentales y futuras \u00a0 violaciones \u00a0 \u00a0 COMUNIDAD INDIGENA-Protecci\u00f3n y respeto de la integridad e identidad\/JURISDICCION \u00a0 INDIGENA-Protecci\u00f3n y respeto \u00a0 \u00a0 JURISDICCION ESPECIAL INDIGENA-Elementos \u00a0 \u00a0 La jurisprudencia ha \u00a0 reconocido 4 elementos fundamentales de la jurisdicci\u00f3n especial ind\u00edgena: (i) \u00a0 la posibilidad de que existan autoridades judiciales propias de los pueblos \u00a0 ind\u00edgenas; (ii) su potestad de establecer ...<br \/><div class=\"pt-cv-rmwrap\"><a href=\"https:\/\/www.dmsjuridica.com\/buscador_20179478954\/corteconstitucionalcronologico202454587\/t-454-13\/\" class=\"_self pt-cv-readmore btn btn-success\" target=\"_self\">Ver Sentencia Completa...<\/a><\/div><\/div><\/div><\/div>\n<div class=\"col-md-12 col-sm-12 col-xs-12 pt-cv-content-item pt-cv-1-col\" ><div class='pt-cv-ifield'><a href=\"https:\/\/www.dmsjuridica.com\/buscador_20179478954\/corteconstitucionalcronologico202454587\/t-453-13\/\" class=\"_self pt-cv-href-thumbnail pt-cv-thumb-default\" target=\"_self\" ><\/a>\n<div class=\"pt-cv-taxoterm above_title\"><a href='https:\/\/www.dmsjuridica.com\/buscador_20179478954\/corteconstitucionalcronologico202454587\/category\/buscar-en-toda-la-corte\/2013\/tutelas-2013\/' title='Tutelas 2013' class='pt-cv-tax-tutelas-2013'>Tutelas 2013<\/a><\/div>\n<h4 class=\"pt-cv-title\"><a href=\"https:\/\/www.dmsjuridica.com\/buscador_20179478954\/corteconstitucionalcronologico202454587\/t-453-13\/\" class=\"_self\" target=\"_self\" >T-453-13<\/a><\/h4>\n<div class=\"pt-cv-content\">\u00a0 \u00a0 \u00a0 \u00a0 \u00a0 \u00a0T-453-13 \u00a0 \u00a0 \u00a0 \u00a0 \u00a0 \u00a0\u00a0 Sentencia T-453\/13 \u00a0 \u00a0 LIBERTAD DE PRENSA COMO DERECHO DE RANGO CONSTITUCIONAL-L\u00edmites a la libertad de expresi\u00f3n y de informaci\u00f3n derivados de la \u00a0 preeminencia de los derechos de los ni\u00f1os \u00a0 \u00a0 LIBERTAD DE PRENSA COMO DERECHO DE RANGO CONSTITUCIONAL-Se exige mayor grado de responsabilidad cuando la noticia involucra \u00a0 a menores \u00a0 \u00a0 El derecho a informar y a recibir \u00a0 informaci\u00f3n, consagrado en el art\u00edculo 20 de la Constituci\u00f3n Pol\u00edtica, incumbe \u00a0 no solamente a quien difunde la informaci\u00f3n y supone, adem\u00e1s i) la libertad ...<br \/><div class=\"pt-cv-rmwrap\"><a href=\"https:\/\/www.dmsjuridica.com\/buscador_20179478954\/corteconstitucionalcronologico202454587\/t-453-13\/\" class=\"_self pt-cv-readmore btn btn-success\" target=\"_self\">Ver Sentencia Completa...<\/a><\/div><\/div><\/div><\/div>\n<div class=\"col-md-12 col-sm-12 col-xs-12 pt-cv-content-item pt-cv-1-col\" ><div class='pt-cv-ifield'><a href=\"https:\/\/www.dmsjuridica.com\/buscador_20179478954\/corteconstitucionalcronologico202454587\/t-452-13\/\" class=\"_self pt-cv-href-thumbnail pt-cv-thumb-default\" target=\"_self\" ><\/a>\n<div class=\"pt-cv-taxoterm above_title\"><a href='https:\/\/www.dmsjuridica.com\/buscador_20179478954\/corteconstitucionalcronologico202454587\/category\/buscar-en-toda-la-corte\/2013\/tutelas-2013\/' title='Tutelas 2013' class='pt-cv-tax-tutelas-2013'>Tutelas 2013<\/a><\/div>\n<h4 class=\"pt-cv-title\"><a href=\"https:\/\/www.dmsjuridica.com\/buscador_20179478954\/corteconstitucionalcronologico202454587\/t-452-13\/\" class=\"_self\" target=\"_self\" >T-452-13<\/a><\/h4>\n<div class=\"pt-cv-content\">\u00a0 \u00a0 \u00a0 \u00a0 \u00a0 \u00a0T-452-13 \u00a0 \u00a0 \u00a0 \u00a0 \u00a0 \u00a0\u00a0 Sentencia T-452\/13 \u00a0 \u00a0 ACCION DE TUTELA CONTRA PROVIDENCIAS JUDICIALES-Requisitos generales y especiales de procedibilidad \u00a0 \u00a0 ACCION DE TUTELA CONTRA PROVIDENCIAS JUDICIALES-Improcedencia pues el juez constitucional no puede \u00a0 actuar como juez de conocimiento o apelaci\u00f3n ordinario \u00a0 \u00a0 DERECHOS DE LAS VICTIMAS DE DELITOS SEXUALES EN \u00a0 PRECLUSION DE LA INVESTIGACION PENAL-Papel \u00a0 de la Fiscal\u00eda General en el antiguo sistema penal de la ley 600 de 2000 \u00a0 \u00a0 PRINCIPIO DE INMEDIATEZ-Debe analizarse tiempo transcurrido y ausencia de \u00a0 razones para no haber actuado de ...<br \/><div class=\"pt-cv-rmwrap\"><a href=\"https:\/\/www.dmsjuridica.com\/buscador_20179478954\/corteconstitucionalcronologico202454587\/t-452-13\/\" class=\"_self pt-cv-readmore btn btn-success\" target=\"_self\">Ver Sentencia Completa...<\/a><\/div><\/div><\/div><\/div>\n<div class=\"col-md-12 col-sm-12 col-xs-12 pt-cv-content-item pt-cv-1-col\" ><div class='pt-cv-ifield'><a href=\"https:\/\/www.dmsjuridica.com\/buscador_20179478954\/corteconstitucionalcronologico202454587\/t-451-13\/\" class=\"_self pt-cv-href-thumbnail pt-cv-thumb-default\" target=\"_self\" ><\/a>\n<div class=\"pt-cv-taxoterm above_title\"><a href='https:\/\/www.dmsjuridica.com\/buscador_20179478954\/corteconstitucionalcronologico202454587\/category\/buscar-en-toda-la-corte\/2013\/tutelas-2013\/' title='Tutelas 2013' class='pt-cv-tax-tutelas-2013'>Tutelas 2013<\/a><\/div>\n<h4 class=\"pt-cv-title\"><a href=\"https:\/\/www.dmsjuridica.com\/buscador_20179478954\/corteconstitucionalcronologico202454587\/t-451-13\/\" class=\"_self\" target=\"_self\" >T-451-13<\/a><\/h4>\n<div class=\"pt-cv-content\">\u00a0 \u00a0 \u00a0 \u00a0 \u00a0 \u00a0T-451-13 \u00a0 \u00a0 \u00a0 \u00a0 \u00a0 \u00a0\u00a0 Sentencia T-451\/13 \u00a0 \u00a0 PENSION DE INVALIDEZ COMO COMPONENTE \u00a0 ESENCIAL DE LA SEGURIDAD SOCIAL DE PERSONAS EN SITUACION DE DISCAPACIDAD-Reiteraci\u00f3n de jurisprudencia \u00a0 \u00a0 ACCION DE TUTELA PARA RECONOCIMIENTO DE \u00a0 PENSION DE INVALIDEZ-Procedencia \u00a0 excepcional por afectaci\u00f3n al m\u00ednimo vital y vida digna de sujetos de especial \u00a0 protecci\u00f3n \u00a0 \u00a0 PENSION DE INVALIDEZ-Requisitos seg\u00fan art\u00edculo 39 de la Ley \u00a0 100\/93 \u00a0 \u00a0 PENSION DE INVALIDEZ Y REQUISITO DE \u00a0 FIDELIDAD-Violatorio del \u00a0 principio de progresividad en materia de derechos pensionales \u00a0 \u00a0 PENSION DE ...<br \/><div class=\"pt-cv-rmwrap\"><a href=\"https:\/\/www.dmsjuridica.com\/buscador_20179478954\/corteconstitucionalcronologico202454587\/t-451-13\/\" class=\"_self pt-cv-readmore btn btn-success\" target=\"_self\">Ver Sentencia Completa...<\/a><\/div><\/div><\/div><\/div>\n<div class=\"col-md-12 col-sm-12 col-xs-12 pt-cv-content-item pt-cv-1-col\" ><div class='pt-cv-ifield'><a href=\"https:\/\/www.dmsjuridica.com\/buscador_20179478954\/corteconstitucionalcronologico202454587\/t-450a-13\/\" class=\"_self pt-cv-href-thumbnail pt-cv-thumb-default\" target=\"_self\" ><\/a>\n<div class=\"pt-cv-taxoterm above_title\"><a href='https:\/\/www.dmsjuridica.com\/buscador_20179478954\/corteconstitucionalcronologico202454587\/category\/buscar-en-toda-la-corte\/2013\/tutelas-2013\/' title='Tutelas 2013' class='pt-cv-tax-tutelas-2013'>Tutelas 2013<\/a><\/div>\n<h4 class=\"pt-cv-title\"><a href=\"https:\/\/www.dmsjuridica.com\/buscador_20179478954\/corteconstitucionalcronologico202454587\/t-450a-13\/\" class=\"_self\" target=\"_self\" >T-450A-13<\/a><\/h4>\n<div class=\"pt-cv-content\">\u00a0 \u00a0 \u00a0 \u00a0 \u00a0 \u00a0T-450A-13 \u00a0 \u00a0 \u00a0 \u00a0 \u00a0 \u00a0\u00a0 Sentencia T-450A\/13 \u00a0 \u00a0\u00a0 (Bogot\u00e1 D.C., julio 16) \u00a0 \u00a0 DERECHO A LA PERSONALIDAD JURIDICA DEL NI\u00d1O-Desconocimiento por no inscripci\u00f3n en el registro civil por ambig\u00fcedad \u00a0 genital \u00a0 \u00a0 DERECHO AL RECONOCIMIENTO DEL NOMBRE COMO ATRIBUTO DE \u00a0 LA PERSONALIDAD JURIDICA Y AL LIBRE DESARROLLO DE LA PERSONALIDAD \u00a0 \u00a0 Los atributos de la personalidad son caracter\u00edsticas inalienables, \u00a0 irrenunciables, imprescriptibles, vitalicias, personales y absolutas de los \u00a0 individuos, y comprenden el nombre, el estado civil, la nacionalidad, la \u00a0 ciudadan\u00eda, el domicilio, la capacidad de goce, ...<br \/><div class=\"pt-cv-rmwrap\"><a href=\"https:\/\/www.dmsjuridica.com\/buscador_20179478954\/corteconstitucionalcronologico202454587\/t-450a-13\/\" class=\"_self pt-cv-readmore btn btn-success\" target=\"_self\">Ver Sentencia Completa...<\/a><\/div><\/div><\/div><\/div>\n<div class=\"col-md-12 col-sm-12 col-xs-12 pt-cv-content-item pt-cv-1-col\" ><div class='pt-cv-ifield'><a href=\"https:\/\/www.dmsjuridica.com\/buscador_20179478954\/corteconstitucionalcronologico202454587\/t-450-13\/\" class=\"_self pt-cv-href-thumbnail pt-cv-thumb-default\" target=\"_self\" ><\/a>\n<div class=\"pt-cv-taxoterm above_title\"><a href='https:\/\/www.dmsjuridica.com\/buscador_20179478954\/corteconstitucionalcronologico202454587\/category\/buscar-en-toda-la-corte\/2013\/tutelas-2013\/' title='Tutelas 2013' class='pt-cv-tax-tutelas-2013'>Tutelas 2013<\/a><\/div>\n<h4 class=\"pt-cv-title\"><a href=\"https:\/\/www.dmsjuridica.com\/buscador_20179478954\/corteconstitucionalcronologico202454587\/t-450-13\/\" class=\"_self\" target=\"_self\" >T-450-13<\/a><\/h4>\n<div class=\"pt-cv-content\">\u00a0 \u00a0 \u00a0 \u00a0 \u00a0 \u00a0T-450-13 \u00a0 \u00a0 \u00a0 \u00a0 \u00a0 \u00a0\u00a0 \u00a0\u00a0\u00a0\u00a0\u00a0\u00a0\u00a0\u00a0\u00a0\u00a0\u00a0\u00a0\u00a0\u00a0\u00a0\u00a0\u00a0\u00a0\u00a0\u00a0\u00a0\u00a0\u00a0\u00a0\u00a0\u00a0\u00a0\u00a0\u00a0\u00a0\u00a0\u00a0\u00a0\u00a0\u00a0\u00a0\u00a0\u00a0\u00a0\u00a0\u00a0\u00a0 Sentencia T-450\/13 \u00a0 \u00a0 (Bogot\u00e1, D.C., julio 12) \u00a0 \u00a0 ACCION DE TUTELA CONTRA PROVIDENCIAS JUDICIALES-Requisitos generales y especiales de procedibilidad \u00a0 \u00a0 DEFECTO SUSTANTIVO POR DESCONOCIMIENTO DEL PRECEDENTE \u00a0 CONSTITUCIONAL \u00a0 \u00a0 El precedente constitucional se desconoce cuando; (i) se \u00a0 aplican disposiciones jur\u00eddicas que fueron declaradas inexequibles, (ii) se \u00a0 desconoce la ratio decidendi de las sentencias de constitucionalidad y (iii) se \u00a0 desconoce el alcance de los derechos fundamentales establecido por la Corte en \u00a0 las diferentes reglas de decisi\u00f3n establecidas mediante las acciones ...<br \/><div class=\"pt-cv-rmwrap\"><a href=\"https:\/\/www.dmsjuridica.com\/buscador_20179478954\/corteconstitucionalcronologico202454587\/t-450-13\/\" class=\"_self pt-cv-readmore btn btn-success\" target=\"_self\">Ver Sentencia Completa...<\/a><\/div><\/div><\/div><\/div>\n<div class=\"col-md-12 col-sm-12 col-xs-12 pt-cv-content-item pt-cv-1-col\" ><div class='pt-cv-ifield'><a href=\"https:\/\/www.dmsjuridica.com\/buscador_20179478954\/corteconstitucionalcronologico202454587\/t-449-13\/\" class=\"_self pt-cv-href-thumbnail pt-cv-thumb-default\" target=\"_self\" ><\/a>\n<div class=\"pt-cv-taxoterm above_title\"><a href='https:\/\/www.dmsjuridica.com\/buscador_20179478954\/corteconstitucionalcronologico202454587\/category\/buscar-en-toda-la-corte\/2013\/tutelas-2013\/' title='Tutelas 2013' class='pt-cv-tax-tutelas-2013'>Tutelas 2013<\/a><\/div>\n<h4 class=\"pt-cv-title\"><a href=\"https:\/\/www.dmsjuridica.com\/buscador_20179478954\/corteconstitucionalcronologico202454587\/t-449-13\/\" class=\"_self\" target=\"_self\" >T-449-13<\/a><\/h4>\n<div class=\"pt-cv-content\">\u00a0 \u00a0 \u00a0 \u00a0 \u00a0 \u00a0T-449-13 \u00a0 \u00a0 \u00a0 \u00a0 \u00a0 \u00a0\u00a0 Sentencia T-449\/13 \u00a0 \u00a0 (Bogot\u00e1, D.C., \u00a0 julio 12) \u00a0 \u00a0 ACCION DE TUTELA CONTRA \u00a0 PROVIDENCIAS JUDICIALES-Requisitos generales y especiales de procedibilidad \u00a0 \u00a0 ACCION DE TUTELA CONTRA \u00a0 PROVIDENCIAS JUDICIALES-Procedencia excepcional para la protecci\u00f3n de \u00a0 derechos fundamentales \u00a0 \u00a0 La acci\u00f3n de tutela contra providencias judiciales es un \u00a0 mecanismo id\u00f3neo para garantizar la primac\u00eda y la efectividad de los derechos \u00a0 constitucionales, de manera acorde con lo previsto en la Constituci\u00f3n (art. 86) \u00a0 y en la Convenci\u00f3n Americana sobre Derechos Humanos (art. 25), ...<br \/><div class=\"pt-cv-rmwrap\"><a href=\"https:\/\/www.dmsjuridica.com\/buscador_20179478954\/corteconstitucionalcronologico202454587\/t-449-13\/\" class=\"_self pt-cv-readmore btn btn-success\" target=\"_self\">Ver Sentencia Completa...<\/a><\/div><\/div><\/div><\/div>\n<div class=\"col-md-12 col-sm-12 col-xs-12 pt-cv-content-item pt-cv-1-col\" ><div class='pt-cv-ifield'><a href=\"https:\/\/www.dmsjuridica.com\/buscador_20179478954\/corteconstitucionalcronologico202454587\/t-448-13\/\" class=\"_self pt-cv-href-thumbnail pt-cv-thumb-default\" target=\"_self\" ><\/a>\n<div class=\"pt-cv-taxoterm above_title\"><a href='https:\/\/www.dmsjuridica.com\/buscador_20179478954\/corteconstitucionalcronologico202454587\/category\/buscar-en-toda-la-corte\/2013\/tutelas-2013\/' title='Tutelas 2013' class='pt-cv-tax-tutelas-2013'>Tutelas 2013<\/a><\/div>\n<h4 class=\"pt-cv-title\"><a href=\"https:\/\/www.dmsjuridica.com\/buscador_20179478954\/corteconstitucionalcronologico202454587\/t-448-13\/\" class=\"_self\" target=\"_self\" >T-448-13<\/a><\/h4>\n<div class=\"pt-cv-content\">\u00a0 \u00a0 \u00a0 \u00a0 \u00a0 \u00a0T-448-13 \u00a0 \u00a0 \u00a0 \u00a0 \u00a0 \u00a0\u00a0 Sentencia T-448\/13 \u00a0 \u00a0 (Bogot\u00e1, D.C., \u00a0 Julio 12) \u00a0 \u00a0 ACCION DE TUTELA CONTRA \u00a0 PROVIDENCIAS JUDICIALES-Requisitos generales y especiales de procedibilidad \u00a0 \u00a0 DERECHO A LA INDEXACION DE LA \u00a0 PRIMERA MESADA PENSIONAL-Unificaci\u00f3n de jurisprudencia en Sentencia \u00a0 SU1073\/12 no habilita procedencia de la acci\u00f3n de tutela, se debe acudir a la \u00a0 jurisdicci\u00f3n ordinaria \u00a0 \u00a0 El derecho a la indexaci\u00f3n, tal y como lo expres\u00f3 la \u00a0 sentencia de unificaci\u00f3n SU1073-12, cobija a todas las categor\u00edas de \u00a0 pensionados, lo que no implica que, ...<br \/><div class=\"pt-cv-rmwrap\"><a href=\"https:\/\/www.dmsjuridica.com\/buscador_20179478954\/corteconstitucionalcronologico202454587\/t-448-13\/\" class=\"_self pt-cv-readmore btn btn-success\" target=\"_self\">Ver Sentencia Completa...<\/a><\/div><\/div><\/div><\/div>\n<div class=\"col-md-12 col-sm-12 col-xs-12 pt-cv-content-item pt-cv-1-col\" ><div class='pt-cv-ifield'><a href=\"https:\/\/www.dmsjuridica.com\/buscador_20179478954\/corteconstitucionalcronologico202454587\/t-447-13\/\" class=\"_self pt-cv-href-thumbnail pt-cv-thumb-default\" target=\"_self\" ><\/a>\n<div class=\"pt-cv-taxoterm above_title\"><a href='https:\/\/www.dmsjuridica.com\/buscador_20179478954\/corteconstitucionalcronologico202454587\/category\/buscar-en-toda-la-corte\/2013\/tutelas-2013\/' title='Tutelas 2013' class='pt-cv-tax-tutelas-2013'>Tutelas 2013<\/a><\/div>\n<h4 class=\"pt-cv-title\"><a href=\"https:\/\/www.dmsjuridica.com\/buscador_20179478954\/corteconstitucionalcronologico202454587\/t-447-13\/\" class=\"_self\" target=\"_self\" >T-447-13<\/a><\/h4>\n<div class=\"pt-cv-content\">\u00a0 \u00a0 \u00a0 \u00a0 \u00a0 \u00a0T-447-13 \u00a0 \u00a0 \u00a0 \u00a0 \u00a0 \u00a0\u00a0 Sentencia T-447\/13 \u00a0 \u00a0 ACCION DE TUTELA PARA OBTENER REINTEGRO \u00a0 LABORAL DE TRABAJADOR DISCAPACITADO QUE GOCE DE ESTABILIDAD LABORAL REFORZADA-Procedencia excepcional \u00a0 \u00a0 ESTABILIDAD LABORAL DE LAS PERSONAS EN CONDICION DE \u00a0 DISCAPACIDAD-Subreglas \u00a0 jurisprudenciales relacionadas con el alcance de la protecci\u00f3n constitucional \u00a0 \u00a0 ESTABILIDAD LABORAL DE LAS PERSONAS EN CONDICION DE \u00a0 DISCAPACIDAD-Empleador debe conocer de \u00a0 la enfermedad que aqueja al empleado, con excepci\u00f3n de los enfermos de VIH \u00a0 \u00a0 ESTABILIDAD LABORAL REFORZADA DE TRABAJADOR \u00a0 DISCAPACITADO-Carece de \u00a0 todo efecto despido o ...<br \/><div class=\"pt-cv-rmwrap\"><a href=\"https:\/\/www.dmsjuridica.com\/buscador_20179478954\/corteconstitucionalcronologico202454587\/t-447-13\/\" class=\"_self pt-cv-readmore btn btn-success\" target=\"_self\">Ver Sentencia Completa...<\/a><\/div><\/div><\/div><\/div>\n<div class=\"col-md-12 col-sm-12 col-xs-12 pt-cv-content-item pt-cv-1-col\" ><div class='pt-cv-ifield'><a href=\"https:\/\/www.dmsjuridica.com\/buscador_20179478954\/corteconstitucionalcronologico202454587\/t-446-13\/\" class=\"_self pt-cv-href-thumbnail pt-cv-thumb-default\" target=\"_self\" ><\/a>\n<div class=\"pt-cv-taxoterm above_title\"><a href='https:\/\/www.dmsjuridica.com\/buscador_20179478954\/corteconstitucionalcronologico202454587\/category\/buscar-en-toda-la-corte\/2013\/tutelas-2013\/' title='Tutelas 2013' class='pt-cv-tax-tutelas-2013'>Tutelas 2013<\/a><\/div>\n<h4 class=\"pt-cv-title\"><a href=\"https:\/\/www.dmsjuridica.com\/buscador_20179478954\/corteconstitucionalcronologico202454587\/t-446-13\/\" class=\"_self\" target=\"_self\" >T-446-13<\/a><\/h4>\n<div class=\"pt-cv-content\">\u00a0 \u00a0 \u00a0 \u00a0 \u00a0 \u00a0T-446-13 \u00a0 \u00a0 \u00a0 \u00a0 \u00a0 \u00a0\u00a0 Nota de Relator\u00eda\u00a0:\u00a0 Mediante Auto 009 de fecha 28 de enero de \u00a0 2014, el cual se anexa a la parte final de esta providencia, se realizan una \u00a0 serie de aclaraciones a la parte resolutiva de la presente sentencia. \u00a0 \u00a0\u00a0 Sentencia T-446\/13 \u00a0 \u00a0 ACCION DE TUTELA CONTRA PROVIDENCIAS \u00a0 JUDICIALES-Requisitos \u00a0 generales y especiales de procedibilidad \u00a0 \u00a0 La procedencia excepcional de la acci\u00f3n de tutela \u00a0 contra providencias judiciales depende de la verificaci\u00f3n de la configuraci\u00f3n de \u00a0 todos los requisitos generales y, al ...<br \/><div class=\"pt-cv-rmwrap\"><a href=\"https:\/\/www.dmsjuridica.com\/buscador_20179478954\/corteconstitucionalcronologico202454587\/t-446-13\/\" class=\"_self pt-cv-readmore btn btn-success\" target=\"_self\">Ver Sentencia Completa...<\/a><\/div><\/div><\/div><\/div>\n<div class=\"col-md-12 col-sm-12 col-xs-12 pt-cv-content-item pt-cv-1-col\" ><div class='pt-cv-ifield'><a href=\"https:\/\/www.dmsjuridica.com\/buscador_20179478954\/corteconstitucionalcronologico202454587\/t-445-13\/\" class=\"_self pt-cv-href-thumbnail pt-cv-thumb-default\" target=\"_self\" ><\/a>\n<div class=\"pt-cv-taxoterm above_title\"><a href='https:\/\/www.dmsjuridica.com\/buscador_20179478954\/corteconstitucionalcronologico202454587\/category\/buscar-en-toda-la-corte\/2013\/tutelas-2013\/' title='Tutelas 2013' class='pt-cv-tax-tutelas-2013'>Tutelas 2013<\/a><\/div>\n<h4 class=\"pt-cv-title\"><a href=\"https:\/\/www.dmsjuridica.com\/buscador_20179478954\/corteconstitucionalcronologico202454587\/t-445-13\/\" class=\"_self\" target=\"_self\" >T-445-13<\/a><\/h4>\n<div class=\"pt-cv-content\">\u00a0 \u00a0 \u00a0 \u00a0 \u00a0 \u00a0T-445-13 \u00a0 \u00a0 \u00a0 \u00a0 \u00a0 \u00a0\u00a0 Sentencia T-445\/13 \u00a0 \u00a0 DERECHO DE ACCESO A LA ADMINISTRACION DE JUSTICIA-Consejo \u00a0 Seccional de la Judicatura es competente para conocer y tramitar acci\u00f3n de \u00a0 tutela contra la Corte Suprema de Justicia, seg\u00fan auto 004 de 2004 y 100 de 2008 \u00a0 \u00a0 DERECHO DE ACCESO A LA ADMINISTRACION DE JUSTICIA Y TUTELA JUDICIAL \u00a0 EFECTIVA-Reiteraci\u00f3n Autos 004\/04 y 100\/08 para que tutelas contra Salas de la \u00a0 Corte Suprema de Justicia sean revisadas por la Corte Constitucional \u00a0 \u00a0 Esta \u00a0 Corporaci\u00f3n ha se\u00f1alado que cuando ...<br \/><div class=\"pt-cv-rmwrap\"><a href=\"https:\/\/www.dmsjuridica.com\/buscador_20179478954\/corteconstitucionalcronologico202454587\/t-445-13\/\" class=\"_self pt-cv-readmore btn btn-success\" target=\"_self\">Ver Sentencia Completa...<\/a><\/div><\/div><\/div><\/div>\n<div class=\"col-md-12 col-sm-12 col-xs-12 pt-cv-content-item pt-cv-1-col\" ><div class='pt-cv-ifield'><a href=\"https:\/\/www.dmsjuridica.com\/buscador_20179478954\/corteconstitucionalcronologico202454587\/t-444-13\/\" class=\"_self pt-cv-href-thumbnail pt-cv-thumb-default\" target=\"_self\" ><\/a>\n<div class=\"pt-cv-taxoterm above_title\"><a href='https:\/\/www.dmsjuridica.com\/buscador_20179478954\/corteconstitucionalcronologico202454587\/category\/buscar-en-toda-la-corte\/2013\/tutelas-2013\/' title='Tutelas 2013' class='pt-cv-tax-tutelas-2013'>Tutelas 2013<\/a><\/div>\n<h4 class=\"pt-cv-title\"><a href=\"https:\/\/www.dmsjuridica.com\/buscador_20179478954\/corteconstitucionalcronologico202454587\/t-444-13\/\" class=\"_self\" target=\"_self\" >T-444-13<\/a><\/h4>\n<div class=\"pt-cv-content\">\u00a0 \u00a0 \u00a0 \u00a0 \u00a0 \u00a0T-444-13 \u00a0 \u00a0 \u00a0 \u00a0 \u00a0 \u00a0\u00a0 Sentencia \u00a0 T-444\/13 \u00a0 \u00a0 ACCION DE TUTELA CONTRA PROVIDENCIAS JUDICIALES-Procedencia excepcional para la protecci\u00f3n de derechos fundamentales \u00a0 \u00a0 La interposici\u00f3n de la tutela contra actuaciones judiciales \u00a0 es una facultad reconocida desde la propia Constituci\u00f3n y por las normas que se \u00a0 integran a ella en virtud del bloque de constitucionalidad, ya que es claro que \u00a0 siendo las sentencias actos de autoridades p\u00fablicas que ejercen funci\u00f3n \u00a0 jurisdiccional, las mismas no est\u00e1n exentas del riesgo de afectar derechos \u00a0 fundamentales y, en consecuencia, de ser ...<br \/><div class=\"pt-cv-rmwrap\"><a href=\"https:\/\/www.dmsjuridica.com\/buscador_20179478954\/corteconstitucionalcronologico202454587\/t-444-13\/\" class=\"_self pt-cv-readmore btn btn-success\" target=\"_self\">Ver Sentencia Completa...<\/a><\/div><\/div><\/div><\/div>\n<div class=\"col-md-12 col-sm-12 col-xs-12 pt-cv-content-item pt-cv-1-col\" ><div class='pt-cv-ifield'><a href=\"https:\/\/www.dmsjuridica.com\/buscador_20179478954\/corteconstitucionalcronologico202454587\/t-443-13\/\" class=\"_self pt-cv-href-thumbnail pt-cv-thumb-default\" target=\"_self\" ><\/a>\n<div class=\"pt-cv-taxoterm above_title\"><a href='https:\/\/www.dmsjuridica.com\/buscador_20179478954\/corteconstitucionalcronologico202454587\/category\/buscar-en-toda-la-corte\/2013\/tutelas-2013\/' title='Tutelas 2013' class='pt-cv-tax-tutelas-2013'>Tutelas 2013<\/a><\/div>\n<h4 class=\"pt-cv-title\"><a href=\"https:\/\/www.dmsjuridica.com\/buscador_20179478954\/corteconstitucionalcronologico202454587\/t-443-13\/\" class=\"_self\" target=\"_self\" >T-443-13<\/a><\/h4>\n<div class=\"pt-cv-content\">\u00a0 \u00a0 \u00a0 \u00a0 \u00a0 \u00a0T-443-13 \u00a0 \u00a0 \u00a0 \u00a0 \u00a0 \u00a0\u00a0 Sentencia \u00a0 T-443\/13 \u00a0 \u00a0 ACCION DE TUTELA CONTRA \u00a0 PROVIDENCIAS JUDICIALES-Evoluci\u00f3n \u00a0 jurisprudencial respecto al reemplazo de la expresi\u00f3n \"v\u00eda de hecho\" por la de \u00a0 \"causales gen\u00e9ricas de procedibilidad\" \u00a0 \u00a0 ACCION DE TUTELA CONTRA \u00a0 PROVIDENCIAS JUDICIALES-Requisitos \u00a0 generales y especiales de procedibilidad \u00a0 \u00a0 DERECHO DE ACCESO A LA \u00a0 ADMINISTRACION DE JUSTICIA-Concepto y \u00a0 contenido \u00a0 \u00a0 Facilitar el \u00a0 derecho a la administraci\u00f3n de justicia conlleva la adopci\u00f3n de normas y medidas \u00a0 que garanticen que todas las personas, sin distinci\u00f3n, tengan ...<br \/><div class=\"pt-cv-rmwrap\"><a href=\"https:\/\/www.dmsjuridica.com\/buscador_20179478954\/corteconstitucionalcronologico202454587\/t-443-13\/\" class=\"_self pt-cv-readmore btn btn-success\" target=\"_self\">Ver Sentencia Completa...<\/a><\/div><\/div><\/div><\/div>\n<div class=\"col-md-12 col-sm-12 col-xs-12 pt-cv-content-item pt-cv-1-col\" ><div class='pt-cv-ifield'><a href=\"https:\/\/www.dmsjuridica.com\/buscador_20179478954\/corteconstitucionalcronologico202454587\/t-442-13\/\" class=\"_self pt-cv-href-thumbnail pt-cv-thumb-default\" target=\"_self\" ><\/a>\n<div class=\"pt-cv-taxoterm above_title\"><a href='https:\/\/www.dmsjuridica.com\/buscador_20179478954\/corteconstitucionalcronologico202454587\/category\/buscar-en-toda-la-corte\/2013\/tutelas-2013\/' title='Tutelas 2013' class='pt-cv-tax-tutelas-2013'>Tutelas 2013<\/a><\/div>\n<h4 class=\"pt-cv-title\"><a href=\"https:\/\/www.dmsjuridica.com\/buscador_20179478954\/corteconstitucionalcronologico202454587\/t-442-13\/\" class=\"_self\" target=\"_self\" >T-442-13<\/a><\/h4>\n<div class=\"pt-cv-content\">\u00a0 \u00a0 \u00a0 \u00a0 \u00a0 \u00a0T-442-13 \u00a0 \u00a0 \u00a0 \u00a0 \u00a0 \u00a0\u00a0 Sentencia T-442\/13 \u00a0 \u00a0 PRINCIPIO DE SUBSIDIARIEDAD E INMEDIATEZ EN LA ACCION \u00a0 DE TUTELA-Requisitos de procedibilidad \u00a0 \u00a0 El principio de subsidiariedad se deriva de la prevenci\u00f3n que el mismo art\u00edculo \u00a0 86 establece, en cuanto a que la acci\u00f3n de tutela no procede cuando existan \u00a0 otros mecanismos de defensa judicial. En tal sentido, esta Corporaci\u00f3n ha \u00a0 indicado que el recurso de amparo no fue dise\u00f1ado para desplazar la competencia \u00a0 del juez natural. Aunado a ello, ha sostenido que estos medios judiciales \u00a0 previstos ...<br \/><div class=\"pt-cv-rmwrap\"><a href=\"https:\/\/www.dmsjuridica.com\/buscador_20179478954\/corteconstitucionalcronologico202454587\/t-442-13\/\" class=\"_self pt-cv-readmore btn btn-success\" target=\"_self\">Ver Sentencia Completa...<\/a><\/div><\/div><\/div><\/div>\n<div class=\"col-md-12 col-sm-12 col-xs-12 pt-cv-content-item pt-cv-1-col\" ><div class='pt-cv-ifield'><a href=\"https:\/\/www.dmsjuridica.com\/buscador_20179478954\/corteconstitucionalcronologico202454587\/t-441-13\/\" class=\"_self pt-cv-href-thumbnail pt-cv-thumb-default\" target=\"_self\" ><\/a>\n<div class=\"pt-cv-taxoterm above_title\"><a href='https:\/\/www.dmsjuridica.com\/buscador_20179478954\/corteconstitucionalcronologico202454587\/category\/buscar-en-toda-la-corte\/2013\/tutelas-2013\/' title='Tutelas 2013' class='pt-cv-tax-tutelas-2013'>Tutelas 2013<\/a><\/div>\n<h4 class=\"pt-cv-title\"><a href=\"https:\/\/www.dmsjuridica.com\/buscador_20179478954\/corteconstitucionalcronologico202454587\/t-441-13\/\" class=\"_self\" target=\"_self\" >T-441-13<\/a><\/h4>\n<div class=\"pt-cv-content\">\u00a0 \u00a0 \u00a0 \u00a0 \u00a0 \u00a0T-441-13 \u00a0 \u00a0 \u00a0 \u00a0 \u00a0 \u00a0\u00a0 Sentencia T-441\/13 \u00a0 \u00a0 PRINCIPIOS FUNDAMENTALES DE LA SEGURIDAD SOCIAL-Universalidad, eficiencia, solidaridad \u00a0 \u00a0 CUMPLIMIENTO DE SENTENCIAS JUDICIALES-Procedencia excepcional de la acci\u00f3n de tutela para \u00a0 cumplimiento de providencia que reconoce derechos pensionales \u00a0 \u00a0 DERECHO DE ACCESO A LA ADMINISTRACION DE JUSTICIA Y \u00a0 EFECTIVO CUMPLIMIENTO DE LAS PROVIDENCIAS JUDICIALES \u00a0 \u00a0 Esta Corporaci\u00f3n ha establecido que la acci\u00f3n de tutela por ser un mecanismo \u00a0 subsidiario, solo es procedente cuando se han agotado los medios ordinarios que \u00a0 la persona tenga a su alcance. En el ...<br \/><div class=\"pt-cv-rmwrap\"><a href=\"https:\/\/www.dmsjuridica.com\/buscador_20179478954\/corteconstitucionalcronologico202454587\/t-441-13\/\" class=\"_self pt-cv-readmore btn btn-success\" target=\"_self\">Ver Sentencia Completa...<\/a><\/div><\/div><\/div><\/div>\n<div class=\"col-md-12 col-sm-12 col-xs-12 pt-cv-content-item pt-cv-1-col\" ><div class='pt-cv-ifield'><a href=\"https:\/\/www.dmsjuridica.com\/buscador_20179478954\/corteconstitucionalcronologico202454587\/t-441-03-2\/\" class=\"_self pt-cv-href-thumbnail pt-cv-thumb-default\" target=\"_self\" ><\/a>\n<div class=\"pt-cv-taxoterm above_title\"><a href='https:\/\/www.dmsjuridica.com\/buscador_20179478954\/corteconstitucionalcronologico202454587\/category\/buscar-en-toda-la-corte\/2013\/tutelas-2013\/' title='Tutelas 2013' class='pt-cv-tax-tutelas-2013'>Tutelas 2013<\/a><\/div>\n<h4 class=\"pt-cv-title\"><a href=\"https:\/\/www.dmsjuridica.com\/buscador_20179478954\/corteconstitucionalcronologico202454587\/t-441-03-2\/\" class=\"_self\" target=\"_self\" >T-441-03<\/a><\/h4>\n<div class=\"pt-cv-content\">\u00a0 \u00a0 T-441-03 \u00a0 \u00a0 \u00a0 \u00a0 \u00a0 \u00a0\u00a0 Nota de Relator\u00eda: En cumplimiento de \u00a0lo dispuesto por el Magistrado ALBERTO ROJAS RIOS, en auto del 6 de septiembre \u00a0de 2013,\u00a0 en la presente decisi\u00f3n se procede a garantizar la reserva de nombres \u00a0de las partes y en consecuencia, se reemplazan los mismos por las letras AA y \u00a0BB, respectivamente. \u00a0 \u00a0 Sentencia T-441\/03 \u00a0 \u00a0 VIA DE HECHO-Evoluci\u00f3n \u00a0jurisprudencial \u00a0 \u00a0 ACCION DE TUTELA CONTRA PROVIDENCIAS JUDICIALES-Situaciones de procedencia\/VIA DE HECHO-Clases \u00a0de defectos en la actuaci\u00f3n \u00a0 \u00a0 RECURSO DE APELACION-Inadmisi\u00f3n no afecta derechos fundamentales de menores \u00a0 \u00a0 ...<br \/><div class=\"pt-cv-rmwrap\"><a href=\"https:\/\/www.dmsjuridica.com\/buscador_20179478954\/corteconstitucionalcronologico202454587\/t-441-03-2\/\" class=\"_self pt-cv-readmore btn btn-success\" target=\"_self\">Ver Sentencia Completa...<\/a><\/div><\/div><\/div><\/div>\n<div class=\"col-md-12 col-sm-12 col-xs-12 pt-cv-content-item pt-cv-1-col\" ><div class='pt-cv-ifield'><a href=\"https:\/\/www.dmsjuridica.com\/buscador_20179478954\/corteconstitucionalcronologico202454587\/t-440-13\/\" class=\"_self pt-cv-href-thumbnail pt-cv-thumb-default\" target=\"_self\" ><\/a>\n<div class=\"pt-cv-taxoterm above_title\"><a href='https:\/\/www.dmsjuridica.com\/buscador_20179478954\/corteconstitucionalcronologico202454587\/category\/buscar-en-toda-la-corte\/2013\/tutelas-2013\/' title='Tutelas 2013' class='pt-cv-tax-tutelas-2013'>Tutelas 2013<\/a><\/div>\n<h4 class=\"pt-cv-title\"><a href=\"https:\/\/www.dmsjuridica.com\/buscador_20179478954\/corteconstitucionalcronologico202454587\/t-440-13\/\" class=\"_self\" target=\"_self\" >T-440-13<\/a><\/h4>\n<div class=\"pt-cv-content\">\u00a0 \u00a0 \u00a0 \u00a0 \u00a0 \u00a0T-440-13 \u00a0 \u00a0 \u00a0 \u00a0 \u00a0 \u00a0\u00a0 Sentencia T-440\/13 \u00a0 \u00a0 ACCION DE TUTELA CONTRA PROVIDENCIAS JUDICIALES-Reiteraci\u00f3n de jurisprudencia sobre procedencia \u00a0 excepcional \u00a0 \u00a0 ACCION DE TUTELA CONTRA PROVIDENCIAS JUDICIALES-Requisitos generales y especiales de procedibilidad \u00a0 \u00a0 DEBIDO PROCESO-Finalidad \u00a0 \u00a0 El debido proceso es un derecho \u00a0 fundamental, que se ha definido como \u201cuna serie de garant\u00edas que tienen por fin \u00a0 sujetar las actuaciones de las autoridades judiciales y administrativas a reglas \u00a0 espec\u00edficas de orden sustantivo y procedimental, con el fin de proteger los \u00a0 derechos e intereses de las personas ...<br \/><div class=\"pt-cv-rmwrap\"><a href=\"https:\/\/www.dmsjuridica.com\/buscador_20179478954\/corteconstitucionalcronologico202454587\/t-440-13\/\" class=\"_self pt-cv-readmore btn btn-success\" target=\"_self\">Ver Sentencia Completa...<\/a><\/div><\/div><\/div><\/div>\n<div class=\"col-md-12 col-sm-12 col-xs-12 pt-cv-content-item pt-cv-1-col\" ><div class='pt-cv-ifield'><a href=\"https:\/\/www.dmsjuridica.com\/buscador_20179478954\/corteconstitucionalcronologico202454587\/t-439-13\/\" class=\"_self pt-cv-href-thumbnail pt-cv-thumb-default\" target=\"_self\" ><\/a>\n<div class=\"pt-cv-taxoterm above_title\"><a href='https:\/\/www.dmsjuridica.com\/buscador_20179478954\/corteconstitucionalcronologico202454587\/category\/buscar-en-toda-la-corte\/2013\/tutelas-2013\/' title='Tutelas 2013' class='pt-cv-tax-tutelas-2013'>Tutelas 2013<\/a><\/div>\n<h4 class=\"pt-cv-title\"><a href=\"https:\/\/www.dmsjuridica.com\/buscador_20179478954\/corteconstitucionalcronologico202454587\/t-439-13\/\" class=\"_self\" target=\"_self\" >T-439-13<\/a><\/h4>\n<div class=\"pt-cv-content\">\u00a0 \u00a0 \u00a0 \u00a0 \u00a0 \u00a0T-439-13 \u00a0 \u00a0 \u00a0 \u00a0 \u00a0 \u00a0\u00a0 AUTORIDAD \u00a0 PENITENCIARIA Y TRASLADO DE INTERNO-Discrecionalidad relativa \u00a0 \u00a0 El C\u00f3digo Penitenciario y \u00a0 Carcelario establece en el Art\u00edculo 73 que es responsabilidad de la Direcci\u00f3n \u00a0 General del INPEC decidir sobre los traslados de los reclusos, sea por decisi\u00f3n \u00a0 propia o por solicitud. Es decir, la autoridad competente para decidir sobre el \u00a0 traslado de una persona con pena privativa de la libertad recluida en un \u00a0 establecimiento carcelario, es el Director General del Instituto Nacional \u00a0 Penitenciario y Carcelario \u2013 INPEC-. La Corte Constitucional ...<br \/><div class=\"pt-cv-rmwrap\"><a href=\"https:\/\/www.dmsjuridica.com\/buscador_20179478954\/corteconstitucionalcronologico202454587\/t-439-13\/\" class=\"_self pt-cv-readmore btn btn-success\" target=\"_self\">Ver Sentencia Completa...<\/a><\/div><\/div><\/div><\/div>\n<div class=\"col-md-12 col-sm-12 col-xs-12 pt-cv-content-item pt-cv-1-col\" ><div class='pt-cv-ifield'><a href=\"https:\/\/www.dmsjuridica.com\/buscador_20179478954\/corteconstitucionalcronologico202454587\/t-432-13\/\" class=\"_self pt-cv-href-thumbnail pt-cv-thumb-default\" target=\"_self\" ><\/a>\n<div class=\"pt-cv-taxoterm above_title\"><a href='https:\/\/www.dmsjuridica.com\/buscador_20179478954\/corteconstitucionalcronologico202454587\/category\/buscar-en-toda-la-corte\/2013\/tutelas-2013\/' title='Tutelas 2013' class='pt-cv-tax-tutelas-2013'>Tutelas 2013<\/a><\/div>\n<h4 class=\"pt-cv-title\"><a href=\"https:\/\/www.dmsjuridica.com\/buscador_20179478954\/corteconstitucionalcronologico202454587\/t-432-13\/\" class=\"_self\" target=\"_self\" >T-432-13<\/a><\/h4>\n<div class=\"pt-cv-content\">\u00a0 \u00a0 \u00a0 \u00a0 \u00a0 \u00a0T-432-13 \u00a0 \u00a0 \u00a0 \u00a0 \u00a0 \u00a0\u00a0 Sentencia T-432\/13 \u00a0 \u00a0 SISTEMA INTEGRAL DE \u00a0 SEGURIDAD SOCIAL EN REGIMEN DE RIESGOS LABORALES-Determinaci\u00f3n del origen \u00a0 del accidente de trabajo y del momento desde el cual son exigibles las \u00a0 prestaciones que se derivan \u00a0 \u00a0 Como se consagra en la Ley 100 \u00a0 de 1993 y en las dem\u00e1s normas que la complementan o modifican, el ordenamiento \u00a0 jur\u00eddico distingue dos modalidades de accidentes o enfermedades, seg\u00fan el tipo \u00a0 de riesgo al cual se expone una persona, esto es, el riesgo laboral o \u00a0 ...<br \/><div class=\"pt-cv-rmwrap\"><a href=\"https:\/\/www.dmsjuridica.com\/buscador_20179478954\/corteconstitucionalcronologico202454587\/t-432-13\/\" class=\"_self pt-cv-readmore btn btn-success\" target=\"_self\">Ver Sentencia Completa...<\/a><\/div><\/div><\/div><\/div>\n<div class=\"col-md-12 col-sm-12 col-xs-12 pt-cv-content-item pt-cv-1-col\" ><div class='pt-cv-ifield'><a href=\"https:\/\/www.dmsjuridica.com\/buscador_20179478954\/corteconstitucionalcronologico202454587\/t-431-13\/\" class=\"_self pt-cv-href-thumbnail pt-cv-thumb-default\" target=\"_self\" ><\/a>\n<div class=\"pt-cv-taxoterm above_title\"><a href='https:\/\/www.dmsjuridica.com\/buscador_20179478954\/corteconstitucionalcronologico202454587\/category\/buscar-en-toda-la-corte\/2013\/tutelas-2013\/' title='Tutelas 2013' class='pt-cv-tax-tutelas-2013'>Tutelas 2013<\/a><\/div>\n<h4 class=\"pt-cv-title\"><a href=\"https:\/\/www.dmsjuridica.com\/buscador_20179478954\/corteconstitucionalcronologico202454587\/t-431-13\/\" class=\"_self\" target=\"_self\" >T-431-13<\/a><\/h4>\n<div class=\"pt-cv-content\">\u00a0 \u00a0 \u00a0 \u00a0 \u00a0 \u00a0T-431-13 \u00a0 \u00a0 \u00a0 \u00a0 \u00a0 \u00a0\u00a0 Sentencia T-431\/13 \u00a0 \u00a0 LEGITIMACION POR PASIVA EN TUTELA FRENTE A \u00a0 PARTICULARES-Procedencia \u00a0 excepcional cuando existe subordinaci\u00f3n \u00a0 \u00a0 PRINCIPIO DE INMEDIATEZ-Plazo razonable para presentar tutela debe \u00a0 determinarse con base en las circunstancias del caso concreto \u00a0 \u00a0 Conforme a la jurisprudencia de \u00a0 esta Corporaci\u00f3n, con el denominado requisito de inmediatez se hace referencia a \u00a0 la carga que tienen los accionantes de interponer la tutela dentro de un plazo \u00a0 razonable y proporcionado a partir del evento generador de la supuesta amenaza o \u00a0 ...<br \/><div class=\"pt-cv-rmwrap\"><a href=\"https:\/\/www.dmsjuridica.com\/buscador_20179478954\/corteconstitucionalcronologico202454587\/t-431-13\/\" class=\"_self pt-cv-readmore btn btn-success\" target=\"_self\">Ver Sentencia Completa...<\/a><\/div><\/div><\/div><\/div>\n<div class=\"col-md-12 col-sm-12 col-xs-12 pt-cv-content-item pt-cv-1-col\" ><div class='pt-cv-ifield'><a href=\"https:\/\/www.dmsjuridica.com\/buscador_20179478954\/corteconstitucionalcronologico202454587\/t-430-13\/\" class=\"_self pt-cv-href-thumbnail pt-cv-thumb-default\" target=\"_self\" ><\/a>\n<div class=\"pt-cv-taxoterm above_title\"><a href='https:\/\/www.dmsjuridica.com\/buscador_20179478954\/corteconstitucionalcronologico202454587\/category\/buscar-en-toda-la-corte\/2013\/tutelas-2013\/' title='Tutelas 2013' class='pt-cv-tax-tutelas-2013'>Tutelas 2013<\/a><\/div>\n<h4 class=\"pt-cv-title\"><a href=\"https:\/\/www.dmsjuridica.com\/buscador_20179478954\/corteconstitucionalcronologico202454587\/t-430-13\/\" class=\"_self\" target=\"_self\" >T-430-13<\/a><\/h4>\n<div class=\"pt-cv-content\">\u00a0 \u00a0 \u00a0 \u00a0 \u00a0 \u00a0T-430-13 \u00a0 \u00a0 \u00a0 \u00a0 \u00a0 \u00a0\u00a0 Sentencia \u00a0 T-430\/13 \u00a0 \u00a0 PRINCIPIO DE \u00a0 INMEDIATEZ-No debe impedir acceso a la justicia para \u00a0 la defensa de los derechos humanos \u00a0 \u00a0 PRINCIPIO DE \u00a0 INMEDIATEZ-Debe analizarse en cada caso el tiempo \u00a0 transcurrido entre la presentaci\u00f3n de la tutela y las circunstancias del caso \u00a0 \u00a0 Constatar que el tiempo que ha \u00a0 transcurrido entre el acto que se acusa de violar o amenazar un derecho \u00a0 fundamental y la interposici\u00f3n de la acci\u00f3n de tutela es superior a un a\u00f1o, no \u00a0 implica, ...<br \/><div class=\"pt-cv-rmwrap\"><a href=\"https:\/\/www.dmsjuridica.com\/buscador_20179478954\/corteconstitucionalcronologico202454587\/t-430-13\/\" class=\"_self pt-cv-readmore btn btn-success\" target=\"_self\">Ver Sentencia Completa...<\/a><\/div><\/div><\/div><\/div>\n<div class=\"col-md-12 col-sm-12 col-xs-12 pt-cv-content-item pt-cv-1-col\" ><div class='pt-cv-ifield'><a href=\"https:\/\/www.dmsjuridica.com\/buscador_20179478954\/corteconstitucionalcronologico202454587\/t-429-13\/\" class=\"_self pt-cv-href-thumbnail pt-cv-thumb-default\" target=\"_self\" ><\/a>\n<div class=\"pt-cv-taxoterm above_title\"><a href='https:\/\/www.dmsjuridica.com\/buscador_20179478954\/corteconstitucionalcronologico202454587\/category\/buscar-en-toda-la-corte\/2013\/tutelas-2013\/' title='Tutelas 2013' class='pt-cv-tax-tutelas-2013'>Tutelas 2013<\/a><\/div>\n<h4 class=\"pt-cv-title\"><a href=\"https:\/\/www.dmsjuridica.com\/buscador_20179478954\/corteconstitucionalcronologico202454587\/t-429-13\/\" class=\"_self\" target=\"_self\" >T-429-13<\/a><\/h4>\n<div class=\"pt-cv-content\">\u00a0 \u00a0 \u00a0 \u00a0 \u00a0 \u00a0T-429-13 \u00a0 \u00a0 \u00a0 \u00a0 \u00a0 \u00a0\u00a0 Sentencia T-429\/13 \u00a0 \u00a0 ACCION DE TUTELA CONTRA \u00a0 PROVIDENCIAS JUDICIALES-Requisitos generales y especiales de procedibilidad \u00a0 \u00a0 REVISION EVENTUAL DE LAS \u00a0 SENTENCIAS DE ACCION POPULAR-No es requisito para la procedencia de la \u00a0 acci\u00f3n de tutela contra las providencias judiciales de acci\u00f3n popular \u00a0 \u00a0 Debe tenerse en cuenta el \u00a0 contexto normativo existente al momento en que el peticionario tom\u00f3 la decisi\u00f3n \u00a0 de interponer esta acci\u00f3n de tutela: (i) para la \u00e9poca en que se profiri\u00f3 la \u00a0 sentencia objeto de controversia (10 de ...<br \/><div class=\"pt-cv-rmwrap\"><a href=\"https:\/\/www.dmsjuridica.com\/buscador_20179478954\/corteconstitucionalcronologico202454587\/t-429-13\/\" class=\"_self pt-cv-readmore btn btn-success\" target=\"_self\">Ver Sentencia Completa...<\/a><\/div><\/div><\/div><\/div>\n<div class=\"col-md-12 col-sm-12 col-xs-12 pt-cv-content-item pt-cv-1-col\" ><div class='pt-cv-ifield'><a href=\"https:\/\/www.dmsjuridica.com\/buscador_20179478954\/corteconstitucionalcronologico202454587\/t-428-13\/\" class=\"_self pt-cv-href-thumbnail pt-cv-thumb-default\" target=\"_self\" ><\/a>\n<div class=\"pt-cv-taxoterm above_title\"><a href='https:\/\/www.dmsjuridica.com\/buscador_20179478954\/corteconstitucionalcronologico202454587\/category\/buscar-en-toda-la-corte\/2013\/tutelas-2013\/' title='Tutelas 2013' class='pt-cv-tax-tutelas-2013'>Tutelas 2013<\/a><\/div>\n<h4 class=\"pt-cv-title\"><a href=\"https:\/\/www.dmsjuridica.com\/buscador_20179478954\/corteconstitucionalcronologico202454587\/t-428-13\/\" class=\"_self\" target=\"_self\" >T-428-13<\/a><\/h4>\n<div class=\"pt-cv-content\">\u00a0 \u00a0 \u00a0 \u00a0 \u00a0 \u00a0T-428-13 \u00a0 \u00a0 \u00a0 \u00a0 \u00a0 \u00a0\u00a0 Sentencia T-428\/13 \u00a0 \u00a0\u00a0 ACCION DE TUTELA PARA RECONOCIMIENTO \u00a0 DE PENSION DE INVALIDEZ-Procedencia excepcional por estado de indefensi\u00f3n o debilidad manifiesta \u00a0 a\u00fan cuando exista otro medio de defensa judicial \u00a0 \u00a0 La Sala de Revisi\u00f3n considera que en los casos objeto de estudio, aunque los \u00a0 actores disponen de otro medio de defensa judicial ante la justicia laboral \u00a0 ordinaria para la protecci\u00f3n de sus derechos, el medio judicial ordinario no es \u00a0 id\u00f3neo para proteger los derechos fundamentales de los mismos, porque son \u00a0 personas ...<br \/><div class=\"pt-cv-rmwrap\"><a href=\"https:\/\/www.dmsjuridica.com\/buscador_20179478954\/corteconstitucionalcronologico202454587\/t-428-13\/\" class=\"_self pt-cv-readmore btn btn-success\" target=\"_self\">Ver Sentencia Completa...<\/a><\/div><\/div><\/div><\/div>\n<div class=\"col-md-12 col-sm-12 col-xs-12 pt-cv-content-item pt-cv-1-col\" ><div class='pt-cv-ifield'><a href=\"https:\/\/www.dmsjuridica.com\/buscador_20179478954\/corteconstitucionalcronologico202454587\/t-427-13\/\" class=\"_self pt-cv-href-thumbnail pt-cv-thumb-default\" target=\"_self\" ><\/a>\n<div class=\"pt-cv-taxoterm above_title\"><a href='https:\/\/www.dmsjuridica.com\/buscador_20179478954\/corteconstitucionalcronologico202454587\/category\/buscar-en-toda-la-corte\/2013\/tutelas-2013\/' title='Tutelas 2013' class='pt-cv-tax-tutelas-2013'>Tutelas 2013<\/a><\/div>\n<h4 class=\"pt-cv-title\"><a href=\"https:\/\/www.dmsjuridica.com\/buscador_20179478954\/corteconstitucionalcronologico202454587\/t-427-13\/\" class=\"_self\" target=\"_self\" >T-427-13<\/a><\/h4>\n<div class=\"pt-cv-content\">\u00a0 \u00a0 \u00a0 \u00a0 \u00a0 \u00a0T-427-13 \u00a0 \u00a0 \u00a0 \u00a0 \u00a0 \u00a0\u00a0 Sentencia \u00a0 T-427\/13 \u00a0 \u00a0 RESERVA DE HISTORIA CLINICA-Reiteraci\u00f3n \u00a0 de jurisprudencia \u00a0 \u00a0 CLASES DE INFORMACION-P\u00fablica, \u00a0 semi privada, privada y reservada \u00a0 \u00a0 La informaci\u00f3n p\u00fablica puede solicitarse por cualquier persona de manera directa \u00a0 y sin el deber de satisfacer requisito alguno, pues es precisamente aquella que \u00a0 \u201cpuede ser obtenida y ofrecida sin reserva alguna y sin importar si la misma sea \u00a0 informaci\u00f3n general, privada o personal,\u201d como por ejemplo, los actos normativos \u00a0 de car\u00e1cter general, las providencias judiciales debidamente ejecutoriadas, los ...<br \/><div class=\"pt-cv-rmwrap\"><a href=\"https:\/\/www.dmsjuridica.com\/buscador_20179478954\/corteconstitucionalcronologico202454587\/t-427-13\/\" class=\"_self pt-cv-readmore btn btn-success\" target=\"_self\">Ver Sentencia Completa...<\/a><\/div><\/div><\/div><\/div>\n<div class=\"col-md-12 col-sm-12 col-xs-12 pt-cv-content-item pt-cv-1-col\" ><div class='pt-cv-ifield'><a href=\"https:\/\/www.dmsjuridica.com\/buscador_20179478954\/corteconstitucionalcronologico202454587\/t-426-13\/\" class=\"_self pt-cv-href-thumbnail pt-cv-thumb-default\" target=\"_self\" ><\/a>\n<div class=\"pt-cv-taxoterm above_title\"><a href='https:\/\/www.dmsjuridica.com\/buscador_20179478954\/corteconstitucionalcronologico202454587\/category\/buscar-en-toda-la-corte\/2013\/tutelas-2013\/' title='Tutelas 2013' class='pt-cv-tax-tutelas-2013'>Tutelas 2013<\/a><\/div>\n<h4 class=\"pt-cv-title\"><a href=\"https:\/\/www.dmsjuridica.com\/buscador_20179478954\/corteconstitucionalcronologico202454587\/t-426-13\/\" class=\"_self\" target=\"_self\" >T-426-13<\/a><\/h4>\n<div class=\"pt-cv-content\">\u00a0 \u00a0 \u00a0 \u00a0 \u00a0 \u00a0T-426-13 \u00a0 \u00a0 \u00a0 \u00a0 \u00a0 \u00a0\u00a0 Sentencia \u00a0 T-426\/13 \u00a0 \u00a0 CEDULA DE CIUDADANIA-Importancia \u00a0 y funciones que cumple \u00a0 \u00a0 La jurisprudencia \u00a0 constitucional ha se\u00f1alado que la c\u00e9dula de ciudadan\u00eda es un documento que \u00a0 cumple varias funciones, m\u00e1s all\u00e1 de constituir el medio id\u00f3neo para acreditar \u00a0 la identidad de una persona y su capacidad civil, por lo que su importancia \u00a0 repercute en diferentes derechos fundamentales. Esta Corporaci\u00f3n ha precisado \u00a0 que, si bien es cierto la contrase\u00f1a que se entrega a las personas mientras se \u00a0 encuentra en tr\u00e1mite ...<br \/><div class=\"pt-cv-rmwrap\"><a href=\"https:\/\/www.dmsjuridica.com\/buscador_20179478954\/corteconstitucionalcronologico202454587\/t-426-13\/\" class=\"_self pt-cv-readmore btn btn-success\" target=\"_self\">Ver Sentencia Completa...<\/a><\/div><\/div><\/div><\/div>\n<div class=\"col-md-12 col-sm-12 col-xs-12 pt-cv-content-item pt-cv-1-col\" ><div class='pt-cv-ifield'><a href=\"https:\/\/www.dmsjuridica.com\/buscador_20179478954\/corteconstitucionalcronologico202454587\/t-425-13\/\" class=\"_self pt-cv-href-thumbnail pt-cv-thumb-default\" target=\"_self\" ><\/a>\n<div class=\"pt-cv-taxoterm above_title\"><a href='https:\/\/www.dmsjuridica.com\/buscador_20179478954\/corteconstitucionalcronologico202454587\/category\/buscar-en-toda-la-corte\/2013\/tutelas-2013\/' title='Tutelas 2013' class='pt-cv-tax-tutelas-2013'>Tutelas 2013<\/a><\/div>\n<h4 class=\"pt-cv-title\"><a href=\"https:\/\/www.dmsjuridica.com\/buscador_20179478954\/corteconstitucionalcronologico202454587\/t-425-13\/\" class=\"_self\" target=\"_self\" >T-425-13<\/a><\/h4>\n<div class=\"pt-cv-content\">\u00a0 \u00a0 \u00a0 \u00a0 \u00a0 \u00a0T-425-13 \u00a0 \u00a0 \u00a0 \u00a0 \u00a0 \u00a0\u00a0 Sentencia T-425\/13 \u00a0 \u00a0 DERECHO \u00a0 FUNDAMENTAL A LA SALUD DE NI\u00d1OS Y NI\u00d1AS-Debe ser atendido en forma inmediata \u00a0 y prioritaria \u00a0 \u00a0 USUARIOS DEL \u00a0 SISTEMA DE SEGURIDAD SOCIAL EN SALUD-Tienen derecho a acceder a los \u00a0 servicios de salud que requieran, est\u00e9n o no incluidos en el Pos \u00a0 \u00a0 Diferentes Salas de Revisi\u00f3n \u00a0 han reiterado que toda persona tiene derecho a acceder a los servicios de salud \u00a0 que requiere; esta Corporaci\u00f3n ha estudiado, especialmente, casos en los cuales \u00a0 se niega un ...<br \/><div class=\"pt-cv-rmwrap\"><a href=\"https:\/\/www.dmsjuridica.com\/buscador_20179478954\/corteconstitucionalcronologico202454587\/t-425-13\/\" class=\"_self pt-cv-readmore btn btn-success\" target=\"_self\">Ver Sentencia Completa...<\/a><\/div><\/div><\/div><\/div>\n<div class=\"col-md-12 col-sm-12 col-xs-12 pt-cv-content-item pt-cv-1-col\" ><div class='pt-cv-ifield'><a href=\"https:\/\/www.dmsjuridica.com\/buscador_20179478954\/corteconstitucionalcronologico202454587\/t-424-13\/\" class=\"_self pt-cv-href-thumbnail pt-cv-thumb-default\" target=\"_self\" ><\/a>\n<div class=\"pt-cv-taxoterm above_title\"><a href='https:\/\/www.dmsjuridica.com\/buscador_20179478954\/corteconstitucionalcronologico202454587\/category\/buscar-en-toda-la-corte\/2013\/tutelas-2013\/' title='Tutelas 2013' class='pt-cv-tax-tutelas-2013'>Tutelas 2013<\/a><\/div>\n<h4 class=\"pt-cv-title\"><a href=\"https:\/\/www.dmsjuridica.com\/buscador_20179478954\/corteconstitucionalcronologico202454587\/t-424-13\/\" class=\"_self\" target=\"_self\" >T-424-13<\/a><\/h4>\n<div class=\"pt-cv-content\">\u00a0 \u00a0 \u00a0 \u00a0 \u00a0 \u00a0T-424-13 \u00a0 \u00a0 \u00a0 \u00a0 \u00a0 \u00a0\u00a0 Sentencia T-424\/13 \u00a0 \u00a0 ACCION DE TUTELA PARA SOLICITAR PROTECCION DEL DERECHO \u00a0 AL AGUA-Procedencia excepcional \u00a0 \u00a0 En cuanto al ejercicio de la acci\u00f3n de tutela para \u00a0 proteger el derecho fundamental al agua potable este Tribunal ha considerado que \u00a0 procede cuando: i) se demuestre que se requiere para el consumo humano, pues en \u00a0 caso contrario no se trata de un derecho fundamental y, por lo tanto, no debe \u00a0 utilizarse este mecanismo procesal sumarial sino la acci\u00f3n popular; ii) se \u00a0 pruebe que el ...<br \/><div class=\"pt-cv-rmwrap\"><a href=\"https:\/\/www.dmsjuridica.com\/buscador_20179478954\/corteconstitucionalcronologico202454587\/t-424-13\/\" class=\"_self pt-cv-readmore btn btn-success\" target=\"_self\">Ver Sentencia Completa...<\/a><\/div><\/div><\/div><\/div>\n<div class=\"col-md-12 col-sm-12 col-xs-12 pt-cv-content-item pt-cv-1-col\" ><div class='pt-cv-ifield'><a href=\"https:\/\/www.dmsjuridica.com\/buscador_20179478954\/corteconstitucionalcronologico202454587\/t-423-13\/\" class=\"_self pt-cv-href-thumbnail pt-cv-thumb-default\" target=\"_self\" ><\/a>\n<div class=\"pt-cv-taxoterm above_title\"><a href='https:\/\/www.dmsjuridica.com\/buscador_20179478954\/corteconstitucionalcronologico202454587\/category\/buscar-en-toda-la-corte\/2013\/tutelas-2013\/' title='Tutelas 2013' class='pt-cv-tax-tutelas-2013'>Tutelas 2013<\/a><\/div>\n<h4 class=\"pt-cv-title\"><a href=\"https:\/\/www.dmsjuridica.com\/buscador_20179478954\/corteconstitucionalcronologico202454587\/t-423-13\/\" class=\"_self\" target=\"_self\" >T-423-13<\/a><\/h4>\n<div class=\"pt-cv-content\">\u00a0 \u00a0 \u00a0 \u00a0 \u00a0 \u00a0T-423-13 \u00a0 \u00a0 \u00a0 \u00a0 \u00a0 \u00a0\u00a0 Sentencia T-423\/13 \u00a0 \u00a0 DERECHO FUNDAMENTAL A LA EDUCACION-Importancia del acceso y permanencia en el sistema \u00a0 educativo \u00a0 \u00a0 El \u00a0 derecho a la educaci\u00f3n fue establecido por el constituyente dentro de los \u00a0 derechos econ\u00f3micos, sociales y culturales, por tener un car\u00e1cter prestacional, \u00a0 sin embargo, esta Corporaci\u00f3n, lo ha catalogado, desde sus inicios, como un \u00a0 derecho fundamental al estar \u00edntimamente relacionado con diversos principios \u00a0 constitucionales de car\u00e1cter esencial para las personas, tales como su propio \u00a0 desarrollo y crecimiento individual, cultural, intelectual e ...<br \/><div class=\"pt-cv-rmwrap\"><a href=\"https:\/\/www.dmsjuridica.com\/buscador_20179478954\/corteconstitucionalcronologico202454587\/t-423-13\/\" class=\"_self pt-cv-readmore btn btn-success\" target=\"_self\">Ver Sentencia Completa...<\/a><\/div><\/div><\/div><\/div>\n<div class=\"col-md-12 col-sm-12 col-xs-12 pt-cv-content-item pt-cv-1-col\" ><div class='pt-cv-ifield'><a href=\"https:\/\/www.dmsjuridica.com\/buscador_20179478954\/corteconstitucionalcronologico202454587\/t-422-13\/\" class=\"_self pt-cv-href-thumbnail pt-cv-thumb-default\" target=\"_self\" ><\/a>\n<div class=\"pt-cv-taxoterm above_title\"><a href='https:\/\/www.dmsjuridica.com\/buscador_20179478954\/corteconstitucionalcronologico202454587\/category\/buscar-en-toda-la-corte\/2013\/tutelas-2013\/' title='Tutelas 2013' class='pt-cv-tax-tutelas-2013'>Tutelas 2013<\/a><\/div>\n<h4 class=\"pt-cv-title\"><a href=\"https:\/\/www.dmsjuridica.com\/buscador_20179478954\/corteconstitucionalcronologico202454587\/t-422-13\/\" class=\"_self\" target=\"_self\" >T-422-13<\/a><\/h4>\n<div class=\"pt-cv-content\">\u00a0 \u00a0 \u00a0 \u00a0 \u00a0 \u00a0T-422-13 \u00a0 \u00a0 \u00a0 \u00a0 \u00a0 \u00a0\u00a0 Sentencia T-422\/13 \u00a0 \u00a0 ACCION DE TUTELA PARA CONTROVERTIR ACTOS \u00a0 ADMINISTRATIVOS QUE ORDENAN TRASLADOS LABORALES-Procedencia excepcional \u00a0 \u00a0 La Corte Constitucional en reiterada jurisprudencia ha \u00a0 se\u00f1alado que, en principio, la acci\u00f3n de tutela no es el instrumento id\u00f3neo para \u00a0 controvertir los actos administrativos que disponen traslados laborales, toda \u00a0 vez que para tales efectos el ordenamiento jur\u00eddico ha establecido un mecanismo \u00a0 especial de defensa, como es la acci\u00f3n de nulidad y restablecimiento del \u00a0 derecho. No obstante, si el juez constitucional advierte que: (i) ...<br \/><div class=\"pt-cv-rmwrap\"><a href=\"https:\/\/www.dmsjuridica.com\/buscador_20179478954\/corteconstitucionalcronologico202454587\/t-422-13\/\" class=\"_self pt-cv-readmore btn btn-success\" target=\"_self\">Ver Sentencia Completa...<\/a><\/div><\/div><\/div><\/div>\n<div class=\"col-md-12 col-sm-12 col-xs-12 pt-cv-content-item pt-cv-1-col\" ><div class='pt-cv-ifield'><a href=\"https:\/\/www.dmsjuridica.com\/buscador_20179478954\/corteconstitucionalcronologico202454587\/t-421-13\/\" class=\"_self pt-cv-href-thumbnail pt-cv-thumb-default\" target=\"_self\" ><\/a>\n<div class=\"pt-cv-taxoterm above_title\"><a href='https:\/\/www.dmsjuridica.com\/buscador_20179478954\/corteconstitucionalcronologico202454587\/category\/buscar-en-toda-la-corte\/2013\/tutelas-2013\/' title='Tutelas 2013' class='pt-cv-tax-tutelas-2013'>Tutelas 2013<\/a><\/div>\n<h4 class=\"pt-cv-title\"><a href=\"https:\/\/www.dmsjuridica.com\/buscador_20179478954\/corteconstitucionalcronologico202454587\/t-421-13\/\" class=\"_self\" target=\"_self\" >T-421-13<\/a><\/h4>\n<div class=\"pt-cv-content\">\u00a0 \u00a0 \u00a0 \u00a0 \u00a0 \u00a0T-421-13 \u00a0 \u00a0 \u00a0 \u00a0 \u00a0 \u00a0\u00a0 Sentencia T-421\/13 \u00a0 \u00a0 ACCION DE TUTELA PARA RECLAMAR PRESTACIONES ECONOMICAS \u00a0 PENSIONALES-Reglas jurisprudenciales \u00a0 para la procedencia \u00a0 \u00a0 En virtud del principio de subsidiariedad la acci\u00f3n de \u00a0 tutela es improcedente para ordenar el reconocimiento de obligaciones econ\u00f3micas \u00a0 que est\u00e9n supeditadas a litigio. Sin embargo, de manera excepcional y como \u00a0 mecanismo transitorio, el juez de tutela puede ordenar el reconocimiento de \u00a0 dichas prestaciones econ\u00f3micas, si: (i) el interesado no cuenta con otro \u00a0 mecanismo de defensa judicial; (ii) teniendo medio judicial \u00e9ste resulte ...<br \/><div class=\"pt-cv-rmwrap\"><a href=\"https:\/\/www.dmsjuridica.com\/buscador_20179478954\/corteconstitucionalcronologico202454587\/t-421-13\/\" class=\"_self pt-cv-readmore btn btn-success\" target=\"_self\">Ver Sentencia Completa...<\/a><\/div><\/div><\/div><\/div>\n<div class=\"col-md-12 col-sm-12 col-xs-12 pt-cv-content-item pt-cv-1-col\" ><div class='pt-cv-ifield'><a href=\"https:\/\/www.dmsjuridica.com\/buscador_20179478954\/corteconstitucionalcronologico202454587\/t-420-13\/\" class=\"_self pt-cv-href-thumbnail pt-cv-thumb-default\" target=\"_self\" ><\/a>\n<div class=\"pt-cv-taxoterm above_title\"><a href='https:\/\/www.dmsjuridica.com\/buscador_20179478954\/corteconstitucionalcronologico202454587\/category\/buscar-en-toda-la-corte\/2013\/tutelas-2013\/' title='Tutelas 2013' class='pt-cv-tax-tutelas-2013'>Tutelas 2013<\/a><\/div>\n<h4 class=\"pt-cv-title\"><a href=\"https:\/\/www.dmsjuridica.com\/buscador_20179478954\/corteconstitucionalcronologico202454587\/t-420-13\/\" class=\"_self\" target=\"_self\" >T-420-13<\/a><\/h4>\n<div class=\"pt-cv-content\">\u00a0 \u00a0 \u00a0 \u00a0 \u00a0 \u00a0T-420-13 \u00a0 \u00a0 \u00a0 \u00a0 \u00a0 \u00a0\u00a0 Sentencia T-420\/13 \u00a0 \u00a0 AGENCIA OFICIOSA DE PERSONAS QUE SE ENCUENTRAN \u00a0 PRESTANDO SERVICIO MILITAR OBLIGATORIO-Requisitos \u00a0 para determinar la legitimidad del padre o madre del hijo que presta el servicio \u00a0 militar \u00a0 \u00a0 SERVICIO MILITAR OBLIGATORIO-Mandato constitucional\/SERVICIO MILITAR OBLIGATORIO-Etapas \u00a0 para definir la situaci\u00f3n militar \u00a0 \u00a0 El servicio militar se encuentra concebido como una forma de responsabilidad \u00a0 social que se conserva entre la sociedad civil y el Estado. Es decir, la \u00a0 posibilidad de que el ciudadano participe en la tarea de asegurar la ...<br \/><div class=\"pt-cv-rmwrap\"><a href=\"https:\/\/www.dmsjuridica.com\/buscador_20179478954\/corteconstitucionalcronologico202454587\/t-420-13\/\" class=\"_self pt-cv-readmore btn btn-success\" target=\"_self\">Ver Sentencia Completa...<\/a><\/div><\/div><\/div><\/div>\n<div class=\"col-md-12 col-sm-12 col-xs-12 pt-cv-content-item pt-cv-1-col\" ><div class='pt-cv-ifield'><a href=\"https:\/\/www.dmsjuridica.com\/buscador_20179478954\/corteconstitucionalcronologico202454587\/t-419-13\/\" class=\"_self pt-cv-href-thumbnail pt-cv-thumb-default\" target=\"_self\" ><\/a>\n<div class=\"pt-cv-taxoterm above_title\"><a href='https:\/\/www.dmsjuridica.com\/buscador_20179478954\/corteconstitucionalcronologico202454587\/category\/buscar-en-toda-la-corte\/2013\/tutelas-2013\/' title='Tutelas 2013' class='pt-cv-tax-tutelas-2013'>Tutelas 2013<\/a><\/div>\n<h4 class=\"pt-cv-title\"><a href=\"https:\/\/www.dmsjuridica.com\/buscador_20179478954\/corteconstitucionalcronologico202454587\/t-419-13\/\" class=\"_self\" target=\"_self\" >T-419-13<\/a><\/h4>\n<div class=\"pt-cv-content\">\u00a0 \u00a0 \u00a0 \u00a0 \u00a0 \u00a0T-419-13 \u00a0 \u00a0 \u00a0 \u00a0 \u00a0 \u00a0\u00a0 Sentencia T-419\/13 \u00a0 \u00a0 ACCION DE \u00a0 TUTELA CONTRA PARTICULARES-Procedencia respecto de entidad financiera\/ACCION \u00a0 DE TUTELA CONTRA PARTICULARES-Procedencia por ser la actividad bancaria un \u00a0 servicio p\u00fablico \u00a0 \u00a0 DERECHO DE \u00a0 PETICION-Elementos \u00a0 \u00a0 La jurisprudencia \u00a0 constitucional sobre el contenido y alcance del derecho de petici\u00f3n es extensa y \u00a0 reiterada, raz\u00f3n por la cual existe consenso acerca de las reglas esenciales que \u00a0 gobiernan esa garant\u00eda constitucional.\u00a0 Por ende, la Corte reiterar\u00e1 tales \u00a0 previsiones a partir de una de sus recapitulaciones. El derecho ...<br \/><div class=\"pt-cv-rmwrap\"><a href=\"https:\/\/www.dmsjuridica.com\/buscador_20179478954\/corteconstitucionalcronologico202454587\/t-419-13\/\" class=\"_self pt-cv-readmore btn btn-success\" target=\"_self\">Ver Sentencia Completa...<\/a><\/div><\/div><\/div><\/div>\n<div class=\"col-md-12 col-sm-12 col-xs-12 pt-cv-content-item pt-cv-1-col\" ><div class='pt-cv-ifield'><a href=\"https:\/\/www.dmsjuridica.com\/buscador_20179478954\/corteconstitucionalcronologico202454587\/t-418-13\/\" class=\"_self pt-cv-href-thumbnail pt-cv-thumb-default\" target=\"_self\" ><\/a>\n<div class=\"pt-cv-taxoterm above_title\"><a href='https:\/\/www.dmsjuridica.com\/buscador_20179478954\/corteconstitucionalcronologico202454587\/category\/buscar-en-toda-la-corte\/2013\/tutelas-2013\/' title='Tutelas 2013' class='pt-cv-tax-tutelas-2013'>Tutelas 2013<\/a><\/div>\n<h4 class=\"pt-cv-title\"><a href=\"https:\/\/www.dmsjuridica.com\/buscador_20179478954\/corteconstitucionalcronologico202454587\/t-418-13\/\" class=\"_self\" target=\"_self\" >T-418-13<\/a><\/h4>\n<div class=\"pt-cv-content\">\u00a0 \u00a0 \u00a0 \u00a0 \u00a0 \u00a0T-418-13 \u00a0 \u00a0 \u00a0 \u00a0 \u00a0 \u00a0\u00a0 Sentencia T-418\/13 \u00a0 \u00a0 PROTECCION CONSTITUCIONAL DEL DERECHO FUNDAMENTAL A LA SALUD-Reiteraci\u00f3n de jurisprudencia \u00a0 \u00a0 PRINCIPIO DE \u00a0 INTEGRALIDAD DEL SISTEMA DE SEGURIDAD SOCIAL EN SALUD-Obligaci\u00f3n de las EPS \u00a0 y EPS-S de prestar los servicios de salud a los afiliados y beneficiarios \u00a0 \u00a0 La prestaci\u00f3n del servicio de salud debe \u00a0 efectuarse con el prop\u00f3sito de brindar una respuesta efectiva a las necesidades \u00a0 del usuario. Esto es, con la totalidad de tratamientos, medicamentos y \u00a0 procedimientos disponibles basados en criterios de razonabilidad, oportunidad y ...<br \/><div class=\"pt-cv-rmwrap\"><a href=\"https:\/\/www.dmsjuridica.com\/buscador_20179478954\/corteconstitucionalcronologico202454587\/t-418-13\/\" class=\"_self pt-cv-readmore btn btn-success\" target=\"_self\">Ver Sentencia Completa...<\/a><\/div><\/div><\/div><\/div>\n<div class=\"col-md-12 col-sm-12 col-xs-12 pt-cv-content-item pt-cv-1-col\" ><div class='pt-cv-ifield'><a href=\"https:\/\/www.dmsjuridica.com\/buscador_20179478954\/corteconstitucionalcronologico202454587\/t-417-13\/\" class=\"_self pt-cv-href-thumbnail pt-cv-thumb-default\" target=\"_self\" ><\/a>\n<div class=\"pt-cv-taxoterm above_title\"><a href='https:\/\/www.dmsjuridica.com\/buscador_20179478954\/corteconstitucionalcronologico202454587\/category\/buscar-en-toda-la-corte\/2013\/tutelas-2013\/' title='Tutelas 2013' class='pt-cv-tax-tutelas-2013'>Tutelas 2013<\/a><\/div>\n<h4 class=\"pt-cv-title\"><a href=\"https:\/\/www.dmsjuridica.com\/buscador_20179478954\/corteconstitucionalcronologico202454587\/t-417-13\/\" class=\"_self\" target=\"_self\" >T-417-13<\/a><\/h4>\n<div class=\"pt-cv-content\">\u00a0 \u00a0 \u00a0 \u00a0 \u00a0 \u00a0T-417-13 \u00a0 \u00a0 \u00a0 \u00a0 \u00a0 \u00a0\u00a0 Sentencia T-417\/13 \u00a0 \u00a0 ACCION DE TUTELA-Improcedencia \u00a0 por omisi\u00f3n en el cumplimiento de los requisitos del apoderamiento judicial\/FALTA \u00a0 DE LEGITIMACION POR ACTIVA EN TUTELA-Abogado sin poder para actuar \u00a0 \u00a0 DERECHO A LA SALUD DE PERSONA \u00a0 PRIVADA DE LA LIBERTAD-Protecci\u00f3n integral, continua y en condiciones de \u00a0 calidad por parte del Estado \u00a0 \u00a0 Esta corporaci\u00f3n ha manifestado que entre las personas \u00a0 recluidas y el Estado se crea una relaci\u00f3n de \u201cespecial sujeci\u00f3n\u201d, que se \u00a0 desarrolla en la potestad del Estado de limitar ...<br \/><div class=\"pt-cv-rmwrap\"><a href=\"https:\/\/www.dmsjuridica.com\/buscador_20179478954\/corteconstitucionalcronologico202454587\/t-417-13\/\" class=\"_self pt-cv-readmore btn btn-success\" target=\"_self\">Ver Sentencia Completa...<\/a><\/div><\/div><\/div><\/div>\n<div class=\"col-md-12 col-sm-12 col-xs-12 pt-cv-content-item pt-cv-1-col\" ><div class='pt-cv-ifield'><a href=\"https:\/\/www.dmsjuridica.com\/buscador_20179478954\/corteconstitucionalcronologico202454587\/t-416-13\/\" class=\"_self pt-cv-href-thumbnail pt-cv-thumb-default\" target=\"_self\" ><\/a>\n<div class=\"pt-cv-taxoterm above_title\"><a href='https:\/\/www.dmsjuridica.com\/buscador_20179478954\/corteconstitucionalcronologico202454587\/category\/buscar-en-toda-la-corte\/2013\/tutelas-2013\/' title='Tutelas 2013' class='pt-cv-tax-tutelas-2013'>Tutelas 2013<\/a><\/div>\n<h4 class=\"pt-cv-title\"><a href=\"https:\/\/www.dmsjuridica.com\/buscador_20179478954\/corteconstitucionalcronologico202454587\/t-416-13\/\" class=\"_self\" target=\"_self\" >T-416-13<\/a><\/h4>\n<div class=\"pt-cv-content\">\u00a0 \u00a0 \u00a0 \u00a0 \u00a0 \u00a0T-416-13 \u00a0 \u00a0 \u00a0 \u00a0 \u00a0 \u00a0\u00a0 Sentencia T-416\/13 \u00a0 \u00a0 (Bogot\u00e1 D. C., \u00a0 Julio 5) \u00a0 \u00a0 PRINCIPIO DE INMEDIATEZ-No es \u00a0 aplicable frente a la vulneraci\u00f3n efectiva y continuada de derechos \u00a0 fundamentales \u00a0 \u00a0 ACCION DE TUTELA CONTRA \u00a0 ADMINISTRACION DE EDIFICIO-Procedencia para construcci\u00f3n de rampa de acceso \u00a0 a persona discapacitada \u00a0 \u00a0 ACCION DE TUTELA CONTRA PARTICULARES \u00a0 CUANDO EXISTE UNA RELACION DE INDEFENSION O SUBORDINACION-Caso en que \u00a0 Administraci\u00f3n de Edificio se niega a la construcci\u00f3n de rampa de acceso a \u00a0 persona discapacitada \u00a0 \u00a0 La jurisprudencia ...<br \/><div class=\"pt-cv-rmwrap\"><a href=\"https:\/\/www.dmsjuridica.com\/buscador_20179478954\/corteconstitucionalcronologico202454587\/t-416-13\/\" class=\"_self pt-cv-readmore btn btn-success\" target=\"_self\">Ver Sentencia Completa...<\/a><\/div><\/div><\/div><\/div>\n<div class=\"col-md-12 col-sm-12 col-xs-12 pt-cv-content-item pt-cv-1-col\" ><div class='pt-cv-ifield'><a href=\"https:\/\/www.dmsjuridica.com\/buscador_20179478954\/corteconstitucionalcronologico202454587\/t-415-13\/\" class=\"_self pt-cv-href-thumbnail pt-cv-thumb-default\" target=\"_self\" ><\/a>\n<div class=\"pt-cv-taxoterm above_title\"><a href='https:\/\/www.dmsjuridica.com\/buscador_20179478954\/corteconstitucionalcronologico202454587\/category\/buscar-en-toda-la-corte\/2013\/tutelas-2013\/' title='Tutelas 2013' class='pt-cv-tax-tutelas-2013'>Tutelas 2013<\/a><\/div>\n<h4 class=\"pt-cv-title\"><a href=\"https:\/\/www.dmsjuridica.com\/buscador_20179478954\/corteconstitucionalcronologico202454587\/t-415-13\/\" class=\"_self\" target=\"_self\" >T-415-13<\/a><\/h4>\n<div class=\"pt-cv-content\">\u00a0 \u00a0 \u00a0 \u00a0 \u00a0 \u00a0T-415-13 \u00a0 \u00a0 \u00a0 \u00a0 \u00a0 \u00a0\u00a0 NOTA DE RELATORIA: Mediante auto 199A\/14, de fecha 4 de julio de 2014, el cual se \u00a0 anexa en la parte final de esta providencia, se corrigen los p\u00e1rrafos 2.7.1. y \u00a0 2.7.2 \u00a0de la misma, en el sentido de indicar que la solicitud que elev\u00f3 el actor \u00a0 ante la Unidad de Restituci\u00f3n de Tierras \u2013 Direcci\u00f3n Territorial del Meta-, no \u00a0 se hizo respecto del RUPTA sino en relaci\u00f3n con el RTDAF. \u00a0 \u00a0\u00a0 Sentencia T-415\/13 \u00a0 \u00a0 (Bogot\u00e1, \u00a0 D.C., Julio 5) \u00a0 \u00a0 LEY ...<br \/><div class=\"pt-cv-rmwrap\"><a href=\"https:\/\/www.dmsjuridica.com\/buscador_20179478954\/corteconstitucionalcronologico202454587\/t-415-13\/\" class=\"_self pt-cv-readmore btn btn-success\" target=\"_self\">Ver Sentencia Completa...<\/a><\/div><\/div><\/div><\/div>\n<div class=\"col-md-12 col-sm-12 col-xs-12 pt-cv-content-item pt-cv-1-col\" ><div class='pt-cv-ifield'><a href=\"https:\/\/www.dmsjuridica.com\/buscador_20179478954\/corteconstitucionalcronologico202454587\/t-414-13\/\" class=\"_self pt-cv-href-thumbnail pt-cv-thumb-default\" target=\"_self\" ><\/a>\n<div class=\"pt-cv-taxoterm above_title\"><a href='https:\/\/www.dmsjuridica.com\/buscador_20179478954\/corteconstitucionalcronologico202454587\/category\/buscar-en-toda-la-corte\/2013\/tutelas-2013\/' title='Tutelas 2013' class='pt-cv-tax-tutelas-2013'>Tutelas 2013<\/a><\/div>\n<h4 class=\"pt-cv-title\"><a href=\"https:\/\/www.dmsjuridica.com\/buscador_20179478954\/corteconstitucionalcronologico202454587\/t-414-13\/\" class=\"_self\" target=\"_self\" >T-414-13<\/a><\/h4>\n<div class=\"pt-cv-content\">\u00a0 \u00a0 \u00a0 \u00a0 \u00a0 \u00a0T-414-13 \u00a0 \u00a0 \u00a0 \u00a0 \u00a0 \u00a0\u00a0 Sentencia T-414\/13 \u00a0 \u00a0 ACCION DE TUTELA PARA LA PROTECCION DE LOS DERECHOS \u00a0 FUNDAMENTALES DE LA POBLACION DESPLAZADA-Procedencia \u00a0 \u00a0 En raz\u00f3n a la diversidad de derechos constitucionales \u00a0 conculcados por el desplazamiento, que pone en evidencia la grave situaci\u00f3n de \u00a0 vulnerabilidad e indefensi\u00f3n de quienes lo padecen, la jurisprudencia ha \u00a0 reconocido a los desplazados el derecho a recibir en forma urgente un trato \u00a0 preferente por parte del Estado, el cual se debe traducir en la adopci\u00f3n de \u00a0 acciones afirmativas en su favor, ...<br \/><div class=\"pt-cv-rmwrap\"><a href=\"https:\/\/www.dmsjuridica.com\/buscador_20179478954\/corteconstitucionalcronologico202454587\/t-414-13\/\" class=\"_self pt-cv-readmore btn btn-success\" target=\"_self\">Ver Sentencia Completa...<\/a><\/div><\/div><\/div><\/div>\n<div class=\"col-md-12 col-sm-12 col-xs-12 pt-cv-content-item pt-cv-1-col\" ><div class='pt-cv-ifield'><a href=\"https:\/\/www.dmsjuridica.com\/buscador_20179478954\/corteconstitucionalcronologico202454587\/t-413-13\/\" class=\"_self pt-cv-href-thumbnail pt-cv-thumb-default\" target=\"_self\" ><\/a>\n<div class=\"pt-cv-taxoterm above_title\"><a href='https:\/\/www.dmsjuridica.com\/buscador_20179478954\/corteconstitucionalcronologico202454587\/category\/buscar-en-toda-la-corte\/2013\/tutelas-2013\/' title='Tutelas 2013' class='pt-cv-tax-tutelas-2013'>Tutelas 2013<\/a><\/div>\n<h4 class=\"pt-cv-title\"><a href=\"https:\/\/www.dmsjuridica.com\/buscador_20179478954\/corteconstitucionalcronologico202454587\/t-413-13\/\" class=\"_self\" target=\"_self\" >T-413-13<\/a><\/h4>\n<div class=\"pt-cv-content\">\u00a0 \u00a0 \u00a0 \u00a0 \u00a0 \u00a0T-413-13 \u00a0 \u00a0 \u00a0 \u00a0 \u00a0 \u00a0\u00a0 Sentencia T-413\/13 \u00a0 \u00a0 DERECHO AL MINIMO VITAL DE PERSONA \u00a0 EN ESTADO DE DEBILIDAD MANIFIESTA-Procedencia de la acci\u00f3n de tutela para personas de \u00a0 la tercera edad en estado de indigencia \u00a0 \u00a0 PROTECCION ESPECIAL DE ADULTOS \u00a0 MAYORES EN ESTADO DE INDIGENCIA O EXTREMA POBREZA-Reiteraci\u00f3n de jurisprudencia \u00a0 \u00a0 PRINCIPIO DE SOLIDARIDAD CON \u00a0 PERSONA DE LA TERCERA EDAD-Protecci\u00f3n \u00a0 constitucional especial\/DEBER DE SOLIDARIDAD CON PERSONA DE LA TERCERA EDAD-Protecci\u00f3n \u00a0 y asistencia por familiares \u00a0 \u00a0 La Corte Constitucional ha indicado que el principio de ...<br \/><div class=\"pt-cv-rmwrap\"><a href=\"https:\/\/www.dmsjuridica.com\/buscador_20179478954\/corteconstitucionalcronologico202454587\/t-413-13\/\" class=\"_self pt-cv-readmore btn btn-success\" target=\"_self\">Ver Sentencia Completa...<\/a><\/div><\/div><\/div><\/div>\n<div class=\"col-md-12 col-sm-12 col-xs-12 pt-cv-content-item pt-cv-1-col\" ><div class='pt-cv-ifield'><a href=\"https:\/\/www.dmsjuridica.com\/buscador_20179478954\/corteconstitucionalcronologico202454587\/t-412-13\/\" class=\"_self pt-cv-href-thumbnail pt-cv-thumb-default\" target=\"_self\" ><\/a>\n<div class=\"pt-cv-taxoterm above_title\"><a href='https:\/\/www.dmsjuridica.com\/buscador_20179478954\/corteconstitucionalcronologico202454587\/category\/buscar-en-toda-la-corte\/2013\/tutelas-2013\/' title='Tutelas 2013' class='pt-cv-tax-tutelas-2013'>Tutelas 2013<\/a><\/div>\n<h4 class=\"pt-cv-title\"><a href=\"https:\/\/www.dmsjuridica.com\/buscador_20179478954\/corteconstitucionalcronologico202454587\/t-412-13\/\" class=\"_self\" target=\"_self\" >T-412-13<\/a><\/h4>\n<div class=\"pt-cv-content\">\u00a0 \u00a0 \u00a0 \u00a0 \u00a0 \u00a0T-412-13 \u00a0 \u00a0 \u00a0 \u00a0 \u00a0 \u00a0\u00a0 Sentencia T-412\/13 \u00a0 \u00a0 DERECHO FUNDAMENTAL A LA SALUD \u00a0 DE LOS NI\u00d1OS-Reiteraci\u00f3n de jurisprudencia \u00a0 \u00a0 HORMONA DE CRECIMIENTO \u00a0 EXCLUIDA DEL POS \u00a0 \u00a0 En la jurisprudencia se ha se\u00f1alado que el \u00a0 desarrollo de la talla por debajo de los l\u00edmites normales puede afectar a un \u00a0 menor de edad. As\u00ed,\u00a0 de ser vulnerados derechos de estirpe fundamental, \u00a0 relacionados con la vida en condiciones de igualdad, en cuanto el crecimiento \u00a0 fisiol\u00f3gico no permita alcanzar una estatura normal, el suministro de la hormona \u00a0 ...<br \/><div class=\"pt-cv-rmwrap\"><a href=\"https:\/\/www.dmsjuridica.com\/buscador_20179478954\/corteconstitucionalcronologico202454587\/t-412-13\/\" class=\"_self pt-cv-readmore btn btn-success\" target=\"_self\">Ver Sentencia Completa...<\/a><\/div><\/div><\/div><\/div>\n<div class=\"col-md-12 col-sm-12 col-xs-12 pt-cv-content-item pt-cv-1-col\" ><div class='pt-cv-ifield'><a href=\"https:\/\/www.dmsjuridica.com\/buscador_20179478954\/corteconstitucionalcronologico202454587\/t-411-13\/\" class=\"_self pt-cv-href-thumbnail pt-cv-thumb-default\" target=\"_self\" ><\/a>\n<div class=\"pt-cv-taxoterm above_title\"><a href='https:\/\/www.dmsjuridica.com\/buscador_20179478954\/corteconstitucionalcronologico202454587\/category\/buscar-en-toda-la-corte\/2013\/tutelas-2013\/' title='Tutelas 2013' class='pt-cv-tax-tutelas-2013'>Tutelas 2013<\/a><\/div>\n<h4 class=\"pt-cv-title\"><a href=\"https:\/\/www.dmsjuridica.com\/buscador_20179478954\/corteconstitucionalcronologico202454587\/t-411-13\/\" class=\"_self\" target=\"_self\" >T-411-13<\/a><\/h4>\n<div class=\"pt-cv-content\">\u00a0 \u00a0 \u00a0 \u00a0 \u00a0 \u00a0T-411-13 \u00a0 \u00a0 \u00a0 \u00a0 \u00a0 \u00a0\u00a0 Sentencia T-411\/13 \u00a0 \u00a0 ACCION DE \u00a0 TUTELA PARA RECONOCIMIENTO DE PENSION DE VEJEZ-Procedencia excepcional \u00a0 cuando se vulneran derechos de las personas de la tercera edad \u00a0 \u00a0 PENSION DE \u00a0 VEJEZ-Finalidad \u00a0 \u00a0 PENSION DE \u00a0 VEJEZ-Reglas jurisprudenciales para la procedencia de tutela \u00a0 \u00a0 (i) Que no exista otro medio id\u00f3neo de defensa judicial, aclarando que \u00a0 \u201cla sola existencia formal de uno de estos mecanismos no implica per se que ella \u00a0 deba ser denegada\u201d. La idoneidad debe ser verificada por el juez constitucional ...<br \/><div class=\"pt-cv-rmwrap\"><a href=\"https:\/\/www.dmsjuridica.com\/buscador_20179478954\/corteconstitucionalcronologico202454587\/t-411-13\/\" class=\"_self pt-cv-readmore btn btn-success\" target=\"_self\">Ver Sentencia Completa...<\/a><\/div><\/div><\/div><\/div>\n<div class=\"col-md-12 col-sm-12 col-xs-12 pt-cv-content-item pt-cv-1-col\" ><div class='pt-cv-ifield'><a href=\"https:\/\/www.dmsjuridica.com\/buscador_20179478954\/corteconstitucionalcronologico202454587\/t-410-13\/\" class=\"_self pt-cv-href-thumbnail pt-cv-thumb-default\" target=\"_self\" ><\/a>\n<div class=\"pt-cv-taxoterm above_title\"><a href='https:\/\/www.dmsjuridica.com\/buscador_20179478954\/corteconstitucionalcronologico202454587\/category\/buscar-en-toda-la-corte\/2013\/tutelas-2013\/' title='Tutelas 2013' class='pt-cv-tax-tutelas-2013'>Tutelas 2013<\/a><\/div>\n<h4 class=\"pt-cv-title\"><a href=\"https:\/\/www.dmsjuridica.com\/buscador_20179478954\/corteconstitucionalcronologico202454587\/t-410-13\/\" class=\"_self\" target=\"_self\" >T-410-13<\/a><\/h4>\n<div class=\"pt-cv-content\">\u00a0 \u00a0 \u00a0 \u00a0 \u00a0 \u00a0T-410-13 \u00a0 \u00a0 \u00a0 \u00a0 \u00a0 \u00a0\u00a0 Sentencia T-410\/13 \u00a0 \u00a0 ACCION DE TUTELA CONTRA PROVIDENCIAS JUDICIALES-Requisitos generales y especiales de procedibilidad \u00a0 \u00a0 PRINCIPIO DE INMEDIATEZ-Criterios para determinar el cumplimiento a pesar de \u00a0 que no exista un t\u00e9rmino de caducidad de la acci\u00f3n de tutela \u00a0 \u00a0 La jurisprudencia ha fijado criterios para evaluar la \u00a0 razonabilidad del plazo, algunos de los cuales son: i) Que existan razones \u00a0 v\u00e1lidas para la inactividad, como la fuerza mayor, el caso fortuito, la \u00a0 incapacidad o imposibilidad para interponer la tutela en un t\u00e9rmino razonable; ...<br \/><div class=\"pt-cv-rmwrap\"><a href=\"https:\/\/www.dmsjuridica.com\/buscador_20179478954\/corteconstitucionalcronologico202454587\/t-410-13\/\" class=\"_self pt-cv-readmore btn btn-success\" target=\"_self\">Ver Sentencia Completa...<\/a><\/div><\/div><\/div><\/div>\n<div class=\"col-md-12 col-sm-12 col-xs-12 pt-cv-content-item pt-cv-1-col\" ><div class='pt-cv-ifield'><a href=\"https:\/\/www.dmsjuridica.com\/buscador_20179478954\/corteconstitucionalcronologico202454587\/t-409-13\/\" class=\"_self pt-cv-href-thumbnail pt-cv-thumb-default\" target=\"_self\" ><\/a>\n<div class=\"pt-cv-taxoterm above_title\"><a href='https:\/\/www.dmsjuridica.com\/buscador_20179478954\/corteconstitucionalcronologico202454587\/category\/buscar-en-toda-la-corte\/2013\/tutelas-2013\/' title='Tutelas 2013' class='pt-cv-tax-tutelas-2013'>Tutelas 2013<\/a><\/div>\n<h4 class=\"pt-cv-title\"><a href=\"https:\/\/www.dmsjuridica.com\/buscador_20179478954\/corteconstitucionalcronologico202454587\/t-409-13\/\" class=\"_self\" target=\"_self\" >T-409-13<\/a><\/h4>\n<div class=\"pt-cv-content\">\u00a0 \u00a0 \u00a0 \u00a0 \u00a0 \u00a0T-409-13 \u00a0 \u00a0 \u00a0 \u00a0 \u00a0 \u00a0\u00a0 VIVIENDA DIGNA-Concepto \u00a0 \u00a0 El concepto de vivienda digna implica contar con un lugar, propio o ajeno, que \u00a0 le permita a la persona desarrollarse en unas m\u00ednimas condiciones de dignidad y \u00a0 en el cual pueda desarrollar su proyecto de vida. El art\u00edculo 51 de la \u00a0 Constituci\u00f3n Pol\u00edtica consagr\u00f3 el acceso a una vivienda digna como un \u00a0 derecho de todas las personas, y dispuso adem\u00e1s, que el Estado tiene la obligaci\u00f3n de implementar pol\u00edticas p\u00fablicas y \u00a0 fijar las condiciones necesarias para garantizar este derecho ...<br \/><div class=\"pt-cv-rmwrap\"><a href=\"https:\/\/www.dmsjuridica.com\/buscador_20179478954\/corteconstitucionalcronologico202454587\/t-409-13\/\" class=\"_self pt-cv-readmore btn btn-success\" target=\"_self\">Ver Sentencia Completa...<\/a><\/div><\/div><\/div><\/div>\n<div class=\"col-md-12 col-sm-12 col-xs-12 pt-cv-content-item pt-cv-1-col\" ><div class='pt-cv-ifield'><a href=\"https:\/\/www.dmsjuridica.com\/buscador_20179478954\/corteconstitucionalcronologico202454587\/t-408-13\/\" class=\"_self pt-cv-href-thumbnail pt-cv-thumb-default\" target=\"_self\" ><\/a>\n<div class=\"pt-cv-taxoterm above_title\"><a href='https:\/\/www.dmsjuridica.com\/buscador_20179478954\/corteconstitucionalcronologico202454587\/category\/buscar-en-toda-la-corte\/2013\/tutelas-2013\/' title='Tutelas 2013' class='pt-cv-tax-tutelas-2013'>Tutelas 2013<\/a><\/div>\n<h4 class=\"pt-cv-title\"><a href=\"https:\/\/www.dmsjuridica.com\/buscador_20179478954\/corteconstitucionalcronologico202454587\/t-408-13\/\" class=\"_self\" target=\"_self\" >T-408-13<\/a><\/h4>\n<div class=\"pt-cv-content\">\u00a0 \u00a0 \u00a0 \u00a0 \u00a0 \u00a0T-408-13 \u00a0 \u00a0 \u00a0 \u00a0 \u00a0 \u00a0\u00a0 Sentencia T-408\/13 \u00a0 \u00a0 LEGITIMACION POR ACTIVA DE PERSONERO \u00a0 MUNICIPAL PARA INTERPONER ACCION DE TUTELA-Caso en que la comunidad municipal de Quimbaya solicita \u00a0 al personero interponer tutela contra Cafesalud por la vulneraci\u00f3n del derecho a \u00a0 la salud y a la vida \u00a0 \u00a0 Es claro que los Personeros Municipales en \u00a0 atenci\u00f3n a sus funciones constitucionales y legales de guarda y promoci\u00f3n de los \u00a0 derechos fundamentales, est\u00e1n legitimados para presentar acciones de tutela. En \u00a0 esta medida, si se percatan de la amenaza o ...<br \/><div class=\"pt-cv-rmwrap\"><a href=\"https:\/\/www.dmsjuridica.com\/buscador_20179478954\/corteconstitucionalcronologico202454587\/t-408-13\/\" class=\"_self pt-cv-readmore btn btn-success\" target=\"_self\">Ver Sentencia Completa...<\/a><\/div><\/div><\/div><\/div>\n<div class=\"col-md-12 col-sm-12 col-xs-12 pt-cv-content-item pt-cv-1-col\" ><div class='pt-cv-ifield'><a href=\"https:\/\/www.dmsjuridica.com\/buscador_20179478954\/corteconstitucionalcronologico202454587\/t-399-13\/\" class=\"_self pt-cv-href-thumbnail pt-cv-thumb-default\" target=\"_self\" ><\/a>\n<div class=\"pt-cv-taxoterm above_title\"><a href='https:\/\/www.dmsjuridica.com\/buscador_20179478954\/corteconstitucionalcronologico202454587\/category\/buscar-en-toda-la-corte\/2013\/tutelas-2013\/' title='Tutelas 2013' class='pt-cv-tax-tutelas-2013'>Tutelas 2013<\/a><\/div>\n<h4 class=\"pt-cv-title\"><a href=\"https:\/\/www.dmsjuridica.com\/buscador_20179478954\/corteconstitucionalcronologico202454587\/t-399-13\/\" class=\"_self\" target=\"_self\" >T-399-13<\/a><\/h4>\n<div class=\"pt-cv-content\">\u00a0 \u00a0 \u00a0 \u00a0 \u00a0 \u00a0T-399-13 \u00a0 \u00a0 \u00a0 \u00a0 \u00a0 \u00a0\u00a0 Sentencia T-399\/13 \u00a0 \u00a0 ACCION DE TUTELA CONTRA PROVIDENCIAS JUDICIALES-Requisitos generales y especiales de procedibilidad \u00a0 \u00a0 INCIDENTE DE DESACATO-Naturaleza y objetivo \u00a0 \u00a0 La acci\u00f3n de tutela, como mecanismo judicial sumario, \u00a0 sencillo e informal, pretende asegurar la vigencia y el goce real y efectivo de \u00a0 los derechos constitucionales fundamentales. Por ello, el art\u00edculo 86 de la \u00a0 Constituci\u00f3n, en diferentes apartes, alude a que la protecci\u00f3n de los derechos \u00a0 fundamentales cuya tutela se impetra es \"inmediata\" y que el fallo que la \u00a0 ordena, ...<br \/><div class=\"pt-cv-rmwrap\"><a href=\"https:\/\/www.dmsjuridica.com\/buscador_20179478954\/corteconstitucionalcronologico202454587\/t-399-13\/\" class=\"_self pt-cv-readmore btn btn-success\" target=\"_self\">Ver Sentencia Completa...<\/a><\/div><\/div><\/div><\/div>\n<div class=\"col-md-12 col-sm-12 col-xs-12 pt-cv-content-item pt-cv-1-col\" ><div class='pt-cv-ifield'><a href=\"https:\/\/www.dmsjuridica.com\/buscador_20179478954\/corteconstitucionalcronologico202454587\/t-398-13\/\" class=\"_self pt-cv-href-thumbnail pt-cv-thumb-default\" target=\"_self\" ><\/a>\n<div class=\"pt-cv-taxoterm above_title\"><a href='https:\/\/www.dmsjuridica.com\/buscador_20179478954\/corteconstitucionalcronologico202454587\/category\/buscar-en-toda-la-corte\/2013\/tutelas-2013\/' title='Tutelas 2013' class='pt-cv-tax-tutelas-2013'>Tutelas 2013<\/a><\/div>\n<h4 class=\"pt-cv-title\"><a href=\"https:\/\/www.dmsjuridica.com\/buscador_20179478954\/corteconstitucionalcronologico202454587\/t-398-13\/\" class=\"_self\" target=\"_self\" >T-398-13<\/a><\/h4>\n<div class=\"pt-cv-content\">\u00a0 \u00a0 \u00a0 \u00a0 \u00a0 \u00a0T-398-13 \u00a0 \u00a0 \u00a0 \u00a0 \u00a0 \u00a0\u00a0 NOTA DE RELATORIA:\u00a0 Mediante auto 203 de 2013, el cual se \u00a0 anexa,\u00a0 se aclar\u00f3\u00a0 y adicion\u00f3 la presente sentencia en los numerales \u00a0 primero y segundo de su parte resolutiva, \u00a0en el sentido de indicar el nombre \u00a0 correcto del accionante y de incluir el n\u00famero de su c\u00e9dula de ciudadan\u00eda. \u00a0 \u00a0 Sentencia T-398\/13 \u00a0 \u00a0 PENSION DE VEJEZ-Naturaleza y \u00a0 finalidad \u00a0 \u00a0 La pensi\u00f3n de vejez se \u00a0 constituye como una prestaci\u00f3n econ\u00f3mica, resultado final de largos a\u00f1os de \u00a0 trabajo, ahorro forzoso en ...<br \/><div class=\"pt-cv-rmwrap\"><a href=\"https:\/\/www.dmsjuridica.com\/buscador_20179478954\/corteconstitucionalcronologico202454587\/t-398-13\/\" class=\"_self pt-cv-readmore btn btn-success\" target=\"_self\">Ver Sentencia Completa...<\/a><\/div><\/div><\/div><\/div>\n<div class=\"col-md-12 col-sm-12 col-xs-12 pt-cv-content-item pt-cv-1-col\" ><div class='pt-cv-ifield'><a href=\"https:\/\/www.dmsjuridica.com\/buscador_20179478954\/corteconstitucionalcronologico202454587\/t-397-13\/\" class=\"_self pt-cv-href-thumbnail pt-cv-thumb-default\" target=\"_self\" ><\/a>\n<div class=\"pt-cv-taxoterm above_title\"><a href='https:\/\/www.dmsjuridica.com\/buscador_20179478954\/corteconstitucionalcronologico202454587\/category\/buscar-en-toda-la-corte\/2013\/tutelas-2013\/' title='Tutelas 2013' class='pt-cv-tax-tutelas-2013'>Tutelas 2013<\/a><\/div>\n<h4 class=\"pt-cv-title\"><a href=\"https:\/\/www.dmsjuridica.com\/buscador_20179478954\/corteconstitucionalcronologico202454587\/t-397-13\/\" class=\"_self\" target=\"_self\" >T-397-13<\/a><\/h4>\n<div class=\"pt-cv-content\">\u00a0 \u00a0 \u00a0 \u00a0 \u00a0 \u00a0T-397-13 \u00a0 \u00a0 \u00a0 \u00a0 \u00a0 \u00a0\u00a0 Sentencia T-397\/13 \u00a0 \u00a0 CARENCIA ACTUAL DE OBJETO POR DA\u00d1O CONSUMADO CUANDO \u00a0 FALLECE EL TITULAR DE LOS DERECHOS FUNDAMENTALES-Reiteraci\u00f3n de jurisprudencia \u00a0 \u00a0 La acci\u00f3n de tutela tiene \u00a0 como finalidad garantizar la protecci\u00f3n de los derechos fundamentales, cuando \u00a0 estos se ven amenazados. En este sentido, cuando la amenaza a los derechos de la \u00a0 accionante cesa porque fallece el titular de los derechos que se \u00a0 pretenden salvaguardar, esta Corporaci\u00f3n ha estimado que la acci\u00f3n de \u00a0 tutela pierde su raz\u00f3n de ser como mecanismo ...<br \/><div class=\"pt-cv-rmwrap\"><a href=\"https:\/\/www.dmsjuridica.com\/buscador_20179478954\/corteconstitucionalcronologico202454587\/t-397-13\/\" class=\"_self pt-cv-readmore btn btn-success\" target=\"_self\">Ver Sentencia Completa...<\/a><\/div><\/div><\/div><\/div>\n<div class=\"col-md-12 col-sm-12 col-xs-12 pt-cv-content-item pt-cv-1-col\" ><div class='pt-cv-ifield'><a href=\"https:\/\/www.dmsjuridica.com\/buscador_20179478954\/corteconstitucionalcronologico202454587\/t-396-13\/\" class=\"_self pt-cv-href-thumbnail pt-cv-thumb-default\" target=\"_self\" ><\/a>\n<div class=\"pt-cv-taxoterm above_title\"><a href='https:\/\/www.dmsjuridica.com\/buscador_20179478954\/corteconstitucionalcronologico202454587\/category\/buscar-en-toda-la-corte\/2013\/tutelas-2013\/' title='Tutelas 2013' class='pt-cv-tax-tutelas-2013'>Tutelas 2013<\/a><\/div>\n<h4 class=\"pt-cv-title\"><a href=\"https:\/\/www.dmsjuridica.com\/buscador_20179478954\/corteconstitucionalcronologico202454587\/t-396-13\/\" class=\"_self\" target=\"_self\" >T-396-13<\/a><\/h4>\n<div class=\"pt-cv-content\">\u00a0 \u00a0 \u00a0 \u00a0 \u00a0 \u00a0T-396-13 \u00a0 \u00a0 \u00a0 \u00a0 \u00a0 \u00a0\u00a0 Sentencia T-396\/13 \u00a0 \u00a0 MIEMBROS DE LA FUERZA PUBLICA-Caso en que se sufre una grave \u00a0 afectaci\u00f3n en la capacidad laboral a causa del cumplimiento del servicio \u00a0 \u00a0 Dado que \u00a0 las labores de \u00edndole militar demandan grandes esfuerzos que entra\u00f1an la \u00a0 constante exposici\u00f3n a riesgos tanto f\u00edsicos como ps\u00edquicos, resultando la \u00a0 integridad f\u00edsica y mental de los miembros que integran las Fuerzas Militares y \u00a0 de Polic\u00eda seriamente comprometidas, recae sobre el Estado la obligaci\u00f3n \u00a0 correlativa de propugnar por la protecci\u00f3n y el ...<br \/><div class=\"pt-cv-rmwrap\"><a href=\"https:\/\/www.dmsjuridica.com\/buscador_20179478954\/corteconstitucionalcronologico202454587\/t-396-13\/\" class=\"_self pt-cv-readmore btn btn-success\" target=\"_self\">Ver Sentencia Completa...<\/a><\/div><\/div><\/div><\/div>\n<div class=\"col-md-12 col-sm-12 col-xs-12 pt-cv-content-item pt-cv-1-col\" ><div class='pt-cv-ifield'><a href=\"https:\/\/www.dmsjuridica.com\/buscador_20179478954\/corteconstitucionalcronologico202454587\/t-395-13\/\" class=\"_self pt-cv-href-thumbnail pt-cv-thumb-default\" target=\"_self\" ><\/a>\n<div class=\"pt-cv-taxoterm above_title\"><a href='https:\/\/www.dmsjuridica.com\/buscador_20179478954\/corteconstitucionalcronologico202454587\/category\/buscar-en-toda-la-corte\/2013\/tutelas-2013\/' title='Tutelas 2013' class='pt-cv-tax-tutelas-2013'>Tutelas 2013<\/a><\/div>\n<h4 class=\"pt-cv-title\"><a href=\"https:\/\/www.dmsjuridica.com\/buscador_20179478954\/corteconstitucionalcronologico202454587\/t-395-13\/\" class=\"_self\" target=\"_self\" >T-395-13<\/a><\/h4>\n<div class=\"pt-cv-content\">\u00a0 \u00a0 \u00a0 \u00a0 \u00a0 \u00a0T-395-13 \u00a0 \u00a0 \u00a0 \u00a0 \u00a0 \u00a0\u00a0 Sentencia T-395\/13 \u00a0 \u00a0 ACCION DE TUTELA PARA RECONOCIMIENTO DE PENSION DE SOBREVIVIENTES-Reglas \u00a0 jurisprudenciales para determinar la procedencia excepcional \u00a0 \u00a0 La acci\u00f3n de tutela proceder\u00e1 para proteger los derechos fundamentales y, en \u00a0 particular, los derivados del reconocimiento y pago de las prestaciones \u00a0 sociales, como la \u00a0 pensi\u00f3n de sobrevivientes en los \u00a0 siguientes casos: (i) cuando no existe otro medio de defensa judicial, o cuando \u00a0 existiendo, el mismo no resulta id\u00f3neo para resolver el caso concreto, eventos \u00a0 en los que la tutela ...<br \/><div class=\"pt-cv-rmwrap\"><a href=\"https:\/\/www.dmsjuridica.com\/buscador_20179478954\/corteconstitucionalcronologico202454587\/t-395-13\/\" class=\"_self pt-cv-readmore btn btn-success\" target=\"_self\">Ver Sentencia Completa...<\/a><\/div><\/div><\/div><\/div>\n<div class=\"col-md-12 col-sm-12 col-xs-12 pt-cv-content-item pt-cv-1-col\" ><div class='pt-cv-ifield'><a href=\"https:\/\/www.dmsjuridica.com\/buscador_20179478954\/corteconstitucionalcronologico202454587\/t-394-13\/\" class=\"_self pt-cv-href-thumbnail pt-cv-thumb-default\" target=\"_self\" ><\/a>\n<div class=\"pt-cv-taxoterm above_title\"><a href='https:\/\/www.dmsjuridica.com\/buscador_20179478954\/corteconstitucionalcronologico202454587\/category\/buscar-en-toda-la-corte\/2013\/tutelas-2013\/' title='Tutelas 2013' class='pt-cv-tax-tutelas-2013'>Tutelas 2013<\/a><\/div>\n<h4 class=\"pt-cv-title\"><a href=\"https:\/\/www.dmsjuridica.com\/buscador_20179478954\/corteconstitucionalcronologico202454587\/t-394-13\/\" class=\"_self\" target=\"_self\" >T-394-13<\/a><\/h4>\n<div class=\"pt-cv-content\">\u00a0 \u00a0 \u00a0 \u00a0 \u00a0 \u00a0T-394-13 \u00a0 \u00a0 \u00a0 \u00a0 \u00a0 \u00a0\u00a0 Sentencia T-394\/13 \u00a0 \u00a0 ACCION DE TUTELA TEMERARIA-Requisitos para que se configure \u00a0 \u00a0 Este tribunal ha considerado que la temeridad se configura cuando se re\u00fanen los \u00a0 siguientes requisitos en la presentaci\u00f3n de dos o m\u00e1s acciones de tutela: (i) \u00a0 identidad en el accionante; (ii) identidad en el accionado; (iii) identidad \u00a0 f\u00e1ctica; (iv) ausencia de justificaci\u00f3n suficiente para interponer la nueva \u00a0 acci\u00f3n, es decir, mala fe o abuso del derecho de acceso a la administraci\u00f3n de \u00a0 justicia. De lo afirmado, resulta claro que ...<br \/><div class=\"pt-cv-rmwrap\"><a href=\"https:\/\/www.dmsjuridica.com\/buscador_20179478954\/corteconstitucionalcronologico202454587\/t-394-13\/\" class=\"_self pt-cv-readmore btn btn-success\" target=\"_self\">Ver Sentencia Completa...<\/a><\/div><\/div><\/div><\/div>\n<div class=\"col-md-12 col-sm-12 col-xs-12 pt-cv-content-item pt-cv-1-col\" ><div class='pt-cv-ifield'><a href=\"https:\/\/www.dmsjuridica.com\/buscador_20179478954\/corteconstitucionalcronologico202454587\/t-393-13\/\" class=\"_self pt-cv-href-thumbnail pt-cv-thumb-default\" target=\"_self\" ><\/a>\n<div class=\"pt-cv-taxoterm above_title\"><a href='https:\/\/www.dmsjuridica.com\/buscador_20179478954\/corteconstitucionalcronologico202454587\/category\/buscar-en-toda-la-corte\/2013\/tutelas-2013\/' title='Tutelas 2013' class='pt-cv-tax-tutelas-2013'>Tutelas 2013<\/a><\/div>\n<h4 class=\"pt-cv-title\"><a href=\"https:\/\/www.dmsjuridica.com\/buscador_20179478954\/corteconstitucionalcronologico202454587\/t-393-13\/\" class=\"_self\" target=\"_self\" >T-393-13<\/a><\/h4>\n<div class=\"pt-cv-content\">\u00a0 \u00a0 \u00a0 \u00a0 \u00a0 \u00a0T-393-13 \u00a0 \u00a0 \u00a0 \u00a0 \u00a0 \u00a0\u00a0 Sentencia T-393\/13 \u00a0 \u00a0 REGIMEN GENERAL Y REGIMENES ESPECIALES DE POLICIA NACIONAL, FUERZAS \u00a0 MILITARES Y MINDEFENSA EN PENSION DE SOBREVIVIENTES-Normatividad \u00a0 \u00a0 APLICACION DEL REGIMEN GENERAL DE SEGURIDAD SOCIAL EN PENSION DE \u00a0 SOBREVIVIENTES A QUIENES PERTENECEN AL REGIMEN ESPECIAL DE LAS FUERZAS \u00a0 MILITARES-Se aplica ley 100\/93 cuando es m\u00e1s favorable para el beneficiario \u00a0 \u00a0 La Corte ha resaltado que cabe \u00a0 la posibilidad de entrar a analizar si las normas de una prestaci\u00f3n espec\u00edfica \u00a0 en el r\u00e9gimen especial pueden vulnerar el derecho a ...<br \/><div class=\"pt-cv-rmwrap\"><a href=\"https:\/\/www.dmsjuridica.com\/buscador_20179478954\/corteconstitucionalcronologico202454587\/t-393-13\/\" class=\"_self pt-cv-readmore btn btn-success\" target=\"_self\">Ver Sentencia Completa...<\/a><\/div><\/div><\/div><\/div>\n<div class=\"col-md-12 col-sm-12 col-xs-12 pt-cv-content-item pt-cv-1-col\" ><div class='pt-cv-ifield'><a href=\"https:\/\/www.dmsjuridica.com\/buscador_20179478954\/corteconstitucionalcronologico202454587\/t-392-13\/\" class=\"_self pt-cv-href-thumbnail pt-cv-thumb-default\" target=\"_self\" ><\/a>\n<div class=\"pt-cv-taxoterm above_title\"><a href='https:\/\/www.dmsjuridica.com\/buscador_20179478954\/corteconstitucionalcronologico202454587\/category\/buscar-en-toda-la-corte\/2013\/tutelas-2013\/' title='Tutelas 2013' class='pt-cv-tax-tutelas-2013'>Tutelas 2013<\/a><\/div>\n<h4 class=\"pt-cv-title\"><a href=\"https:\/\/www.dmsjuridica.com\/buscador_20179478954\/corteconstitucionalcronologico202454587\/t-392-13\/\" class=\"_self\" target=\"_self\" >T-392-13<\/a><\/h4>\n<div class=\"pt-cv-content\">\u00a0 \u00a0 \u00a0 \u00a0 \u00a0 \u00a0T-392-13 \u00a0 \u00a0 \u00a0 \u00a0 \u00a0 \u00a0\u00a0 Sentencia T-392\/13 \u00a0 \u00a0 DERECHO FUNDAMENTAL A LA SALUD DE NI\u00d1OS Y NI\u00d1AS-Reiteraci\u00f3n de \u00a0 jurisprudencia \u00a0 \u00a0 Con sujeci\u00f3n a los contenidos \u00a0 descritos en el art\u00edculo 44 superior, se ha reconocido por este tribunal \u00a0 constitucional, en reiterados pronunciamientos, que el derecho a la salud de los \u00a0 ni\u00f1os tiene car\u00e1cter fundamental, bien sea por consagraci\u00f3n expresa en dicho \u00a0 mandato o por la aplicaci\u00f3n de los distintos instrumentos de derecho \u00a0 internacional reconocidos por Colombia y ratificados por el Congreso de la \u00a0 Rep\u00fablica, seg\u00fan ...<br \/><div class=\"pt-cv-rmwrap\"><a href=\"https:\/\/www.dmsjuridica.com\/buscador_20179478954\/corteconstitucionalcronologico202454587\/t-392-13\/\" class=\"_self pt-cv-readmore btn btn-success\" target=\"_self\">Ver Sentencia Completa...<\/a><\/div><\/div><\/div><\/div>\n<div class=\"col-md-12 col-sm-12 col-xs-12 pt-cv-content-item pt-cv-1-col\" ><div class='pt-cv-ifield'><a href=\"https:\/\/www.dmsjuridica.com\/buscador_20179478954\/corteconstitucionalcronologico202454587\/t-391-13\/\" class=\"_self pt-cv-href-thumbnail pt-cv-thumb-default\" target=\"_self\" ><\/a>\n<div class=\"pt-cv-taxoterm above_title\"><a href='https:\/\/www.dmsjuridica.com\/buscador_20179478954\/corteconstitucionalcronologico202454587\/category\/buscar-en-toda-la-corte\/2013\/tutelas-2013\/' title='Tutelas 2013' class='pt-cv-tax-tutelas-2013'>Tutelas 2013<\/a><\/div>\n<h4 class=\"pt-cv-title\"><a href=\"https:\/\/www.dmsjuridica.com\/buscador_20179478954\/corteconstitucionalcronologico202454587\/t-391-13\/\" class=\"_self\" target=\"_self\" >T-391-13<\/a><\/h4>\n<div class=\"pt-cv-content\">\u00a0 \u00a0 \u00a0 \u00a0 \u00a0 \u00a0T-391-13 \u00a0 \u00a0 \u00a0 \u00a0 \u00a0 \u00a0\u00a0 Sentencia T-391\/13 \u00a0 \u00a0 ACCION DE TUTELA PARA RECONOCIMIENTO DE \u00a0 PENSION DE VEJEZ-Procedencia \u00a0 excepcional cuando se vulneran derechos de las personas de la tercera edad \u00a0 \u00a0 Esta corporaci\u00f3n ha \u00a0 admitido la procedencia de la acci\u00f3n de tutela para el reconocimiento de \u00a0 prestaciones de car\u00e1cter pensional, cuando el titular del derecho en discusi\u00f3n \u00a0 es una persona de la tercera edad o que por su condici\u00f3n econ\u00f3mica, f\u00edsica o \u00a0 mental se encuentra en situaci\u00f3n de debilidad manifiesta, lo que permite \u00a0 otorgarle un ...<br \/><div class=\"pt-cv-rmwrap\"><a href=\"https:\/\/www.dmsjuridica.com\/buscador_20179478954\/corteconstitucionalcronologico202454587\/t-391-13\/\" class=\"_self pt-cv-readmore btn btn-success\" target=\"_self\">Ver Sentencia Completa...<\/a><\/div><\/div><\/div><\/div>\n<div class=\"col-md-12 col-sm-12 col-xs-12 pt-cv-content-item pt-cv-1-col\" ><div class='pt-cv-ifield'><a href=\"https:\/\/www.dmsjuridica.com\/buscador_20179478954\/corteconstitucionalcronologico202454587\/t-390-13\/\" class=\"_self pt-cv-href-thumbnail pt-cv-thumb-default\" target=\"_self\" ><\/a>\n<div class=\"pt-cv-taxoterm above_title\"><a href='https:\/\/www.dmsjuridica.com\/buscador_20179478954\/corteconstitucionalcronologico202454587\/category\/buscar-en-toda-la-corte\/2013\/tutelas-2013\/' title='Tutelas 2013' class='pt-cv-tax-tutelas-2013'>Tutelas 2013<\/a><\/div>\n<h4 class=\"pt-cv-title\"><a href=\"https:\/\/www.dmsjuridica.com\/buscador_20179478954\/corteconstitucionalcronologico202454587\/t-390-13\/\" class=\"_self\" target=\"_self\" >T-390-13<\/a><\/h4>\n<div class=\"pt-cv-content\">\u00a0 \u00a0 \u00a0 \u00a0 \u00a0 \u00a0T-390-13 \u00a0 \u00a0 \u00a0 \u00a0 \u00a0 \u00a0\u00a0 Sentencia T-390\/13 \u00a0 \u00a0 ESTATUTO DE PROFESIONALIZACION DOCENTE-Sentencia C-208\/07 \u00a0 \u00a0 ETNOEDUCACION O EDUCACION ESPECIAL PARA LOS GRUPOS ETNICOS-Jurisprudencia \u00a0 constitucional posterior a la sentencia C-208\/07 respecto a nombramiento de \u00a0 etnoeducadores \u00a0 \u00a0 PRECEDENTE CONSTITUCIONAL-Car\u00e1cter vinculante \u00a0 \u00a0 En \u00a0 reiteradas ocasiones la Corte ha reconocido el car\u00e1cter vinculante, obligatorio \u00a0 y de fuente de derecho que tienen sus sentencias de constitucionalidad. El \u00a0 precedente constitucional se ha\u00a0 justificado bajo los\u00a0 principios de \u00a0 primac\u00eda de la Constituci\u00f3n, de igualdad, de confianza leg\u00edtima y de debido \u00a0 ...<br \/><div class=\"pt-cv-rmwrap\"><a href=\"https:\/\/www.dmsjuridica.com\/buscador_20179478954\/corteconstitucionalcronologico202454587\/t-390-13\/\" class=\"_self pt-cv-readmore btn btn-success\" target=\"_self\">Ver Sentencia Completa...<\/a><\/div><\/div><\/div><\/div>\n<div class=\"col-md-12 col-sm-12 col-xs-12 pt-cv-content-item pt-cv-1-col\" ><div class='pt-cv-ifield'><a href=\"https:\/\/www.dmsjuridica.com\/buscador_20179478954\/corteconstitucionalcronologico202454587\/t-389a-13\/\" class=\"_self pt-cv-href-thumbnail pt-cv-thumb-default\" target=\"_self\" ><\/a>\n<div class=\"pt-cv-taxoterm above_title\"><a href='https:\/\/www.dmsjuridica.com\/buscador_20179478954\/corteconstitucionalcronologico202454587\/category\/buscar-en-toda-la-corte\/2013\/tutelas-2013\/' title='Tutelas 2013' class='pt-cv-tax-tutelas-2013'>Tutelas 2013<\/a><\/div>\n<h4 class=\"pt-cv-title\"><a href=\"https:\/\/www.dmsjuridica.com\/buscador_20179478954\/corteconstitucionalcronologico202454587\/t-389a-13\/\" class=\"_self\" target=\"_self\" >T-389A-13<\/a><\/h4>\n<div class=\"pt-cv-content\">\u00a0 \u00a0 \u00a0 \u00a0 \u00a0 \u00a0T-389A-13 \u00a0 \u00a0 \u00a0 \u00a0 \u00a0 \u00a0\u00a0 Sentencia T-389A\/13 \u00a0 \u00a0 DERECHO A LA SEGURIDAD SOCIAL EN PENSIONES-Contenido \u00a0 \u00a0 El derecho a la seguridad social es un verdadero derecho \u00a0 fundamental cuya efectividad y garant\u00eda se deriva \u201cde (i) su car\u00e1cter \u00a0 irrenunciable, (ii) su reconocimiento como tal en los convenios y tratados \u00a0 internacionales ratificados por el Estado colombiano en la materia y (iii) de su \u00a0 prestaci\u00f3n como servicio p\u00fablico en concordancia con el principio de \u00a0 universalidad. Sin embargo, el car\u00e1cter fundamental del derecho a la seguridad \u00a0 social no puede ...<br \/><div class=\"pt-cv-rmwrap\"><a href=\"https:\/\/www.dmsjuridica.com\/buscador_20179478954\/corteconstitucionalcronologico202454587\/t-389a-13\/\" class=\"_self pt-cv-readmore btn btn-success\" target=\"_self\">Ver Sentencia Completa...<\/a><\/div><\/div><\/div><\/div>\n<div class=\"col-md-12 col-sm-12 col-xs-12 pt-cv-content-item pt-cv-1-col\" ><div class='pt-cv-ifield'><a href=\"https:\/\/www.dmsjuridica.com\/buscador_20179478954\/corteconstitucionalcronologico202454587\/t-388-13\/\" class=\"_self pt-cv-href-thumbnail pt-cv-thumb-default\" target=\"_self\" ><\/a>\n<div class=\"pt-cv-taxoterm above_title\"><a href='https:\/\/www.dmsjuridica.com\/buscador_20179478954\/corteconstitucionalcronologico202454587\/category\/buscar-en-toda-la-corte\/2013\/tutelas-2013\/' title='Tutelas 2013' class='pt-cv-tax-tutelas-2013'>Tutelas 2013<\/a><\/div>\n<h4 class=\"pt-cv-title\"><a href=\"https:\/\/www.dmsjuridica.com\/buscador_20179478954\/corteconstitucionalcronologico202454587\/t-388-13\/\" class=\"_self\" target=\"_self\" >T-388-13<\/a><\/h4>\n<div class=\"pt-cv-content\">\u00a0 \u00a0 \u00a0 \u00a0 \u00a0 \u00a0T-388-13 \u00a0 \u00a0 \u00a0 \u00a0 \u00a0 \u00a0\u00a0 Sentencia T-388\/13 \u00a0 \u00a0 ESTADO DE COSAS INCONSTITUCIONAL \u00a0 DEL SISTEMA CARCELARIO-Declarado en sentencia T-153\/98 no es igual al que \u00a0 atraviesa actualmente \u00a0 \u00a0 ESTADO DE COSAS \u00a0 INCONSTITUCIONAL-Reconocimiento en la jurisprudencia constitucional \u00a0 \u00a0 ESTADO DE COSAS INCONSTITUCIONAL \u00a0 EN EL SISTEMA PENITENCIARIO Y CARCELARIO-Jurisprudencia constitucional \u00a0 \u00a0 ESTADO DE COSAS INCONSTITUCIONAL \u00a0 EN ESTABLECIMIENTO CARCELARIO-Declarado en sentencia T-153\/98 por \u00a0 hacinamiento, a\u00fan persiste \u00a0 \u00a0 ESTADO DE COSAS INCONSTITUCIONAL \u00a0 EN MATERIA DE HACINAMIENTO CARCELARIO-Declarado en sentencia T-153\/98 \u00a0 \u00a0 La sentencia T-153 de 1998 ...<br \/><div class=\"pt-cv-rmwrap\"><a href=\"https:\/\/www.dmsjuridica.com\/buscador_20179478954\/corteconstitucionalcronologico202454587\/t-388-13\/\" class=\"_self pt-cv-readmore btn btn-success\" target=\"_self\">Ver Sentencia Completa...<\/a><\/div><\/div><\/div><\/div>\n<div class=\"col-md-12 col-sm-12 col-xs-12 pt-cv-content-item pt-cv-1-col\" ><div class='pt-cv-ifield'><a href=\"https:\/\/www.dmsjuridica.com\/buscador_20179478954\/corteconstitucionalcronologico202454587\/t-387-13\/\" class=\"_self pt-cv-href-thumbnail pt-cv-thumb-default\" target=\"_self\" ><\/a>\n<div class=\"pt-cv-taxoterm above_title\"><a href='https:\/\/www.dmsjuridica.com\/buscador_20179478954\/corteconstitucionalcronologico202454587\/category\/buscar-en-toda-la-corte\/2013\/tutelas-2013\/' title='Tutelas 2013' class='pt-cv-tax-tutelas-2013'>Tutelas 2013<\/a><\/div>\n<h4 class=\"pt-cv-title\"><a href=\"https:\/\/www.dmsjuridica.com\/buscador_20179478954\/corteconstitucionalcronologico202454587\/t-387-13\/\" class=\"_self\" target=\"_self\" >T-387-13<\/a><\/h4>\n<div class=\"pt-cv-content\">\u00a0 \u00a0 \u00a0 \u00a0 \u00a0 \u00a0T-387-13 \u00a0 \u00a0 \u00a0 \u00a0 \u00a0 \u00a0\u00a0 Sentencia T-387\/13 \u00a0 \u00a0 DERECHO A LA PROPIEDAD COLECTIVA DE GRUPOS ETNICOS SOBRE TERRITORIOS-Fundamental \u00a0 \u00a0 TERRITORIOS INDIGENAS-Inembargables, inalienables \u00a0 e imprescriptibles seg\u00fan \u00a0 Convenio 169 de la OIT\/RESGUARDO INDIGENA-Caracter\u00edsticas \u00a0 \u00a0 DERECHO DE AUTORECONOCIMIENTO DE COMUNIDAD INDIGENA-Convenio \u00a0 169 de la Organizaci\u00f3n Internacional del Trabajo, OIT \u00a0 \u00a0 El territorio de los pueblos ind\u00edgenas y tribales \u00a0 tiene una protecci\u00f3n reforzada en el Convenio 169, al cual le dedica un \u00a0 Cap\u00edtulo.\u00a0 Al respecto, establece que los Estados partes se encuentran \u00a0 especialmente obligados a respetar el ...<br \/><div class=\"pt-cv-rmwrap\"><a href=\"https:\/\/www.dmsjuridica.com\/buscador_20179478954\/corteconstitucionalcronologico202454587\/t-387-13\/\" class=\"_self pt-cv-readmore btn btn-success\" target=\"_self\">Ver Sentencia Completa...<\/a><\/div><\/div><\/div><\/div>\n<div class=\"col-md-12 col-sm-12 col-xs-12 pt-cv-content-item pt-cv-1-col\" ><div class='pt-cv-ifield'><a href=\"https:\/\/www.dmsjuridica.com\/buscador_20179478954\/corteconstitucionalcronologico202454587\/t-386-13\/\" class=\"_self pt-cv-href-thumbnail pt-cv-thumb-default\" target=\"_self\" ><\/a>\n<div class=\"pt-cv-taxoterm above_title\"><a href='https:\/\/www.dmsjuridica.com\/buscador_20179478954\/corteconstitucionalcronologico202454587\/category\/buscar-en-toda-la-corte\/2013\/tutelas-2013\/' title='Tutelas 2013' class='pt-cv-tax-tutelas-2013'>Tutelas 2013<\/a><\/div>\n<h4 class=\"pt-cv-title\"><a href=\"https:\/\/www.dmsjuridica.com\/buscador_20179478954\/corteconstitucionalcronologico202454587\/t-386-13\/\" class=\"_self\" target=\"_self\" >T-386-13<\/a><\/h4>\n<div class=\"pt-cv-content\">\u00a0 \u00a0 \u00a0 \u00a0 \u00a0 \u00a0T-386-13 \u00a0 \u00a0 \u00a0 \u00a0 \u00a0 \u00a0\u00a0 Sentencia T-386\/13 \u00a0 \u00a0 PERSPECTIVA DE \u00a0 GENERO-Obligaci\u00f3n \u00a0 de autoridades de proteger a sujetos de especial protecci\u00f3n constitucional \u00a0 \u00a0 PRINCIPIO DE \u00a0 IGUALDAD Y PROHIBICION DE DISCRIMINACION POR RAZON DE SEXO-Protecci\u00f3n \u00a0 reforzada y especial de los derechos de la mujer \u00a0 \u00a0 Hist\u00f3ricamente las mujeres, entendidas como grupo social, \u00a0 han sido objeto de discriminaci\u00f3n en todas las sociedades y en la mayor parte de \u00a0 los aspectos de la vida: en sus relaciones sociales, econ\u00f3micas, pol\u00edticas y \u00a0 personales; por esto, el ordenamiento jur\u00eddico ...<br \/><div class=\"pt-cv-rmwrap\"><a href=\"https:\/\/www.dmsjuridica.com\/buscador_20179478954\/corteconstitucionalcronologico202454587\/t-386-13\/\" class=\"_self pt-cv-readmore btn btn-success\" target=\"_self\">Ver Sentencia Completa...<\/a><\/div><\/div><\/div><\/div>\n<div class=\"col-md-12 col-sm-12 col-xs-12 pt-cv-content-item pt-cv-1-col\" ><div class='pt-cv-ifield'><a href=\"https:\/\/www.dmsjuridica.com\/buscador_20179478954\/corteconstitucionalcronologico202454587\/t-385-13\/\" class=\"_self pt-cv-href-thumbnail pt-cv-thumb-default\" target=\"_self\" ><\/a>\n<div class=\"pt-cv-taxoterm above_title\"><a href='https:\/\/www.dmsjuridica.com\/buscador_20179478954\/corteconstitucionalcronologico202454587\/category\/buscar-en-toda-la-corte\/2013\/tutelas-2013\/' title='Tutelas 2013' class='pt-cv-tax-tutelas-2013'>Tutelas 2013<\/a><\/div>\n<h4 class=\"pt-cv-title\"><a href=\"https:\/\/www.dmsjuridica.com\/buscador_20179478954\/corteconstitucionalcronologico202454587\/t-385-13\/\" class=\"_self\" target=\"_self\" >T-385-13<\/a><\/h4>\n<div class=\"pt-cv-content\">Sentencia T-385\/13 \u00a0 \u00a0\u00a0 PERSONA JURIDICA-Titularidad \u00a0 de derechos fundamentales que pueden ser protegidos a trav\u00e9s de la acci\u00f3n de \u00a0 tutela \u00a0 \u00a0 Cualquier persona puede hacer uso de la \u00a0 acci\u00f3n de tutela como mecanismo de protecci\u00f3n de sus derechos fundamentales, sin \u00a0 distinguir a qu\u00e9 persona, natural o jur\u00eddica, exactamente se est\u00e1 haciendo \u00a0 referencia. En este orden de ideas, no solo son titulares de derechos \u00a0 fundamentales las personas naturales, sino tambi\u00e9n las personas jur\u00eddicas, por \u00a0 dos diferentes v\u00edas: directa o indirectamente. Es decir, las personas jur\u00eddicas, \u00a0 indirectamente son titulares de derechos fundamentales porque ...<br \/><div class=\"pt-cv-rmwrap\"><a href=\"https:\/\/www.dmsjuridica.com\/buscador_20179478954\/corteconstitucionalcronologico202454587\/t-385-13\/\" class=\"_self pt-cv-readmore btn btn-success\" target=\"_self\">Ver Sentencia Completa...<\/a><\/div><\/div><\/div><\/div>\n<div class=\"col-md-12 col-sm-12 col-xs-12 pt-cv-content-item pt-cv-1-col\" ><div class='pt-cv-ifield'><a href=\"https:\/\/www.dmsjuridica.com\/buscador_20179478954\/corteconstitucionalcronologico202454587\/t-384-13\/\" class=\"_self pt-cv-href-thumbnail pt-cv-thumb-default\" target=\"_self\" ><\/a>\n<div class=\"pt-cv-taxoterm above_title\"><a href='https:\/\/www.dmsjuridica.com\/buscador_20179478954\/corteconstitucionalcronologico202454587\/category\/buscar-en-toda-la-corte\/2013\/tutelas-2013\/' title='Tutelas 2013' class='pt-cv-tax-tutelas-2013'>Tutelas 2013<\/a><\/div>\n<h4 class=\"pt-cv-title\"><a href=\"https:\/\/www.dmsjuridica.com\/buscador_20179478954\/corteconstitucionalcronologico202454587\/t-384-13\/\" class=\"_self\" target=\"_self\" >T-384-13<\/a><\/h4>\n<div class=\"pt-cv-content\">\u00a0 \u00a0 \u00a0 \u00a0 \u00a0 \u00a0T-384-13 \u00a0 \u00a0 \u00a0 \u00a0 \u00a0 \u00a0\u00a0 Sentencia T-384\/13 \u00a0 \u00a0\u00a0 ACCESIBILIDAD A SERVICIOS MEDICOS REQUERIDOS CON \u00a0 NECESIDAD-Procedencia de la acci\u00f3n de \u00a0 tutela para su protecci\u00f3n \u00a0 \u00a0 De conformidad con reiterada jurisprudencia \u00a0 constitucional, una persona requiere un servicio de salud con necesidad, cuando \u00a0 el mismo es indispensable para el mantenimiento de su salud, integridad y la \u00a0 vida en condiciones dignas. A su vez, quien determina qu\u00e9 servicio es requerido, \u00a0 es el m\u00e9dico tratante, profesional que conoce la situaci\u00f3n concreta del \u00a0 paciente, sus antecedentes m\u00e9dicos, y establece, con ...<br \/><div class=\"pt-cv-rmwrap\"><a href=\"https:\/\/www.dmsjuridica.com\/buscador_20179478954\/corteconstitucionalcronologico202454587\/t-384-13\/\" class=\"_self pt-cv-readmore btn btn-success\" target=\"_self\">Ver Sentencia Completa...<\/a><\/div><\/div><\/div><\/div>\n<div class=\"col-md-12 col-sm-12 col-xs-12 pt-cv-content-item pt-cv-1-col\" ><div class='pt-cv-ifield'><a href=\"https:\/\/www.dmsjuridica.com\/buscador_20179478954\/corteconstitucionalcronologico202454587\/t-383-13\/\" class=\"_self pt-cv-href-thumbnail pt-cv-thumb-default\" target=\"_self\" ><\/a>\n<div class=\"pt-cv-taxoterm above_title\"><a href='https:\/\/www.dmsjuridica.com\/buscador_20179478954\/corteconstitucionalcronologico202454587\/category\/buscar-en-toda-la-corte\/2013\/tutelas-2013\/' title='Tutelas 2013' class='pt-cv-tax-tutelas-2013'>Tutelas 2013<\/a><\/div>\n<h4 class=\"pt-cv-title\"><a href=\"https:\/\/www.dmsjuridica.com\/buscador_20179478954\/corteconstitucionalcronologico202454587\/t-383-13\/\" class=\"_self\" target=\"_self\" >T-383-13<\/a><\/h4>\n<div class=\"pt-cv-content\">\u00a0 \u00a0 \u00a0 \u00a0 \u00a0 \u00a0T-383-13 \u00a0 \u00a0 \u00a0 \u00a0 \u00a0 \u00a0\u00a0 Sentencia T-383\/13 \u00a0 \u00a0 USUARIOS DEL SISTEMA DE \u00a0 SEGURIDAD SOCIAL EN SALUD-Tienen derecho a acceder a los servicios de salud que \u00a0 requieran, est\u00e9n o no incluidos en el Pos\/REGLAS JURISPRUDENCIALES SOBRE \u00a0 PROCEDENCIA DE ACCION DE TUTELA PARA OBTENER PRESTACIONES EXCLUIDAS DEL POS-Reiteraci\u00f3n \u00a0 de jurisprudencia \u00a0 \u00a0 Para garantizar a los usuarios el acceso al servicio, \u00a0 se debe aplicar la regla jurisprudencial de acuerdo con la cual toda persona \u00a0 tiene derecho a acceder a los servicios de salud que requiera, est\u00e9n o no ...<br \/><div class=\"pt-cv-rmwrap\"><a href=\"https:\/\/www.dmsjuridica.com\/buscador_20179478954\/corteconstitucionalcronologico202454587\/t-383-13\/\" class=\"_self pt-cv-readmore btn btn-success\" target=\"_self\">Ver Sentencia Completa...<\/a><\/div><\/div><\/div><\/div>\n<div class=\"col-md-12 col-sm-12 col-xs-12 pt-cv-content-item pt-cv-1-col\" ><div class='pt-cv-ifield'><a href=\"https:\/\/www.dmsjuridica.com\/buscador_20179478954\/corteconstitucionalcronologico202454587\/t-382-13\/\" class=\"_self pt-cv-href-thumbnail pt-cv-thumb-default\" target=\"_self\" ><\/a>\n<div class=\"pt-cv-taxoterm above_title\"><a href='https:\/\/www.dmsjuridica.com\/buscador_20179478954\/corteconstitucionalcronologico202454587\/category\/buscar-en-toda-la-corte\/2013\/tutelas-2013\/' title='Tutelas 2013' class='pt-cv-tax-tutelas-2013'>Tutelas 2013<\/a><\/div>\n<h4 class=\"pt-cv-title\"><a href=\"https:\/\/www.dmsjuridica.com\/buscador_20179478954\/corteconstitucionalcronologico202454587\/t-382-13\/\" class=\"_self\" target=\"_self\" >T-382-13<\/a><\/h4>\n<div class=\"pt-cv-content\">\u00a0 \u00a0 \u00a0 \u00a0 \u00a0 \u00a0T-382-13 \u00a0 \u00a0 \u00a0 \u00a0 \u00a0 \u00a0\u00a0 Sentencia T-382\/13 \u00a0 \u00a0 DERECHO A LA \u00a0 SALUD Y FACULTAD DE LAS EPS DE SUSPENDER SERVICIOS MEDICOS POR MORA EN \u00a0 COTIZACIONES\/SUSPENSION DE AFILIACION-No pago de cotizaciones imputable al \u00a0 afiliado \u00a0 \u00a0 Si bien, la seguridad social y la prestaci\u00f3n del servicio de salud constituyen \u00a0 un derecho para los ciudadanos, tambi\u00e9n tienen \u00e9stos la obligaci\u00f3n de aportar \u00a0 las respectivas cotizaciones, pues de no hacerlo estar\u00edan atentando contra la \u00a0 calidad del servicio y la estabilidad del sistema, facultando a las entidades \u00a0 promotoras de ...<br \/><div class=\"pt-cv-rmwrap\"><a href=\"https:\/\/www.dmsjuridica.com\/buscador_20179478954\/corteconstitucionalcronologico202454587\/t-382-13\/\" class=\"_self pt-cv-readmore btn btn-success\" target=\"_self\">Ver Sentencia Completa...<\/a><\/div><\/div><\/div><\/div>\n<div class=\"col-md-12 col-sm-12 col-xs-12 pt-cv-content-item pt-cv-1-col\" ><div class='pt-cv-ifield'><a href=\"https:\/\/www.dmsjuridica.com\/buscador_20179478954\/corteconstitucionalcronologico202454587\/t-381-13\/\" class=\"_self pt-cv-href-thumbnail pt-cv-thumb-default\" target=\"_self\" ><\/a>\n<div class=\"pt-cv-taxoterm above_title\"><a href='https:\/\/www.dmsjuridica.com\/buscador_20179478954\/corteconstitucionalcronologico202454587\/category\/buscar-en-toda-la-corte\/2013\/tutelas-2013\/' title='Tutelas 2013' class='pt-cv-tax-tutelas-2013'>Tutelas 2013<\/a><\/div>\n<h4 class=\"pt-cv-title\"><a href=\"https:\/\/www.dmsjuridica.com\/buscador_20179478954\/corteconstitucionalcronologico202454587\/t-381-13\/\" class=\"_self\" target=\"_self\" >T-381-13<\/a><\/h4>\n<div class=\"pt-cv-content\">\u00a0 \u00a0 \u00a0 \u00a0 \u00a0 \u00a0T-381-13 \u00a0 \u00a0 \u00a0 \u00a0 \u00a0 \u00a0\u00a0 Sentencia T-381\/13 \u00a0 \u00a0\u00a0 ACCION DE TUTELA CONTRA PROVIDENCIAS JUDICIALES-Requisitos generales y especiales de procedibilidad \u00a0 \u00a0 IMPUGNACION DE LA PATERNIDAD-Normatividad aplicable \u00a0 \u00a0 IMPUGNACION DE LA PATERNIDAD-T\u00e9rmino de caducidad tiene como finalidad proteger \u00a0 derechos fundamentales al estado civil y a la personalidad jur\u00eddica \u00a0 \u00a0 La Corte encuentra que el t\u00e9rmino de caducidad como finalidad proteger los \u00a0 derechos fundamentales al estado civil y a la personalidad jur\u00eddica. Esto \u00a0 significa que aun cuando se consagra una barrera para el acceso a la \u00a0 administraci\u00f3n de ...<br \/><div class=\"pt-cv-rmwrap\"><a href=\"https:\/\/www.dmsjuridica.com\/buscador_20179478954\/corteconstitucionalcronologico202454587\/t-381-13\/\" class=\"_self pt-cv-readmore btn btn-success\" target=\"_self\">Ver Sentencia Completa...<\/a><\/div><\/div><\/div><\/div>\n<div class=\"col-md-12 col-sm-12 col-xs-12 pt-cv-content-item pt-cv-1-col\" ><div class='pt-cv-ifield'><a href=\"https:\/\/www.dmsjuridica.com\/buscador_20179478954\/corteconstitucionalcronologico202454587\/t-380-13\/\" class=\"_self pt-cv-href-thumbnail pt-cv-thumb-default\" target=\"_self\" ><\/a>\n<div class=\"pt-cv-taxoterm above_title\"><a href='https:\/\/www.dmsjuridica.com\/buscador_20179478954\/corteconstitucionalcronologico202454587\/category\/buscar-en-toda-la-corte\/2013\/tutelas-2013\/' title='Tutelas 2013' class='pt-cv-tax-tutelas-2013'>Tutelas 2013<\/a><\/div>\n<h4 class=\"pt-cv-title\"><a href=\"https:\/\/www.dmsjuridica.com\/buscador_20179478954\/corteconstitucionalcronologico202454587\/t-380-13\/\" class=\"_self\" target=\"_self\" >T-380-13<\/a><\/h4>\n<div class=\"pt-cv-content\">\u00a0 \u00a0 \u00a0 \u00a0 \u00a0 \u00a0T-380-13 \u00a0 \u00a0 \u00a0 \u00a0 \u00a0 \u00a0\u00a0 Sentencia T-380\/13 \u00a0 \u00a0 ACCION DE TUTELA TEMERARIA-Improcedencia cuando hay duplicidad en la presentaci\u00f3n \u00a0 de acciones de tutela\/TEMERIDAD-Configuraci\u00f3n \u00a0 \u00a0 La Corte ha sostenido que la interposici\u00f3n de varias \u00a0 acciones de tutela en forma repetida y reiterada es incompatible con el \u00a0 principio de cosa juzgada constitucional, por cuanto una actuaci\u00f3n en tal \u00a0 sentido, adem\u00e1s de atentar contra los principios de econom\u00eda procesal, \u00a0 eficiencia y eficacia, resulta desleal y deshonesta por comprometer la capacidad \u00a0 judicial del Estado \u00a0 \u00a0 ACTUACION TEMERARIA Y COSA ...<br \/><div class=\"pt-cv-rmwrap\"><a href=\"https:\/\/www.dmsjuridica.com\/buscador_20179478954\/corteconstitucionalcronologico202454587\/t-380-13\/\" class=\"_self pt-cv-readmore btn btn-success\" target=\"_self\">Ver Sentencia Completa...<\/a><\/div><\/div><\/div><\/div>\n<div class=\"col-md-12 col-sm-12 col-xs-12 pt-cv-content-item pt-cv-1-col\" ><div class='pt-cv-ifield'><a href=\"https:\/\/www.dmsjuridica.com\/buscador_20179478954\/corteconstitucionalcronologico202454587\/t-379-13\/\" class=\"_self pt-cv-href-thumbnail pt-cv-thumb-default\" target=\"_self\" ><\/a>\n<div class=\"pt-cv-taxoterm above_title\"><a href='https:\/\/www.dmsjuridica.com\/buscador_20179478954\/corteconstitucionalcronologico202454587\/category\/buscar-en-toda-la-corte\/2013\/tutelas-2013\/' title='Tutelas 2013' class='pt-cv-tax-tutelas-2013'>Tutelas 2013<\/a><\/div>\n<h4 class=\"pt-cv-title\"><a href=\"https:\/\/www.dmsjuridica.com\/buscador_20179478954\/corteconstitucionalcronologico202454587\/t-379-13\/\" class=\"_self\" target=\"_self\" >T-379-13<\/a><\/h4>\n<div class=\"pt-cv-content\">\u00a0 \u00a0 \u00a0 \u00a0 \u00a0 \u00a0T-379-13 \u00a0 \u00a0 \u00a0 \u00a0 \u00a0 \u00a0\u00a0 Sentencia T-379\/13 \u00a0 \u00a0 JUEZ \u00a0 CONSTITUCIONAL-Facultad oficiosa para esclarecer las actuaciones u omisiones \u00a0 que amenazan o vulneran derechos fundamentales \u00a0 \u00a0 El juez \u00a0 constitucional ha de analizar de manera oficiosa, a partir de las circunstancias \u00a0 concretas del caso, cu\u00e1l es el conflicto que se le presenta y si el mismo ha de \u00a0 ser resuelto a trav\u00e9s de la acci\u00f3n de amparo constitucional o, por el contrario, \u00a0 mediante otros mecanismos de defensa judicial. Esta atribuci\u00f3n se deriva del \u00a0 Decreto 2591 de 1991, ...<br \/><div class=\"pt-cv-rmwrap\"><a href=\"https:\/\/www.dmsjuridica.com\/buscador_20179478954\/corteconstitucionalcronologico202454587\/t-379-13\/\" class=\"_self pt-cv-readmore btn btn-success\" target=\"_self\">Ver Sentencia Completa...<\/a><\/div><\/div><\/div><\/div>\n<div class=\"col-md-12 col-sm-12 col-xs-12 pt-cv-content-item pt-cv-1-col\" ><div class='pt-cv-ifield'><a href=\"https:\/\/www.dmsjuridica.com\/buscador_20179478954\/corteconstitucionalcronologico202454587\/t-378-13\/\" class=\"_self pt-cv-href-thumbnail pt-cv-thumb-default\" target=\"_self\" ><\/a>\n<div class=\"pt-cv-taxoterm above_title\"><a href='https:\/\/www.dmsjuridica.com\/buscador_20179478954\/corteconstitucionalcronologico202454587\/category\/buscar-en-toda-la-corte\/2013\/tutelas-2013\/' title='Tutelas 2013' class='pt-cv-tax-tutelas-2013'>Tutelas 2013<\/a><\/div>\n<h4 class=\"pt-cv-title\"><a href=\"https:\/\/www.dmsjuridica.com\/buscador_20179478954\/corteconstitucionalcronologico202454587\/t-378-13\/\" class=\"_self\" target=\"_self\" >T-378-13<\/a><\/h4>\n<div class=\"pt-cv-content\">\u00a0 \u00a0 \u00a0 \u00a0 \u00a0 \u00a0T-378-13 \u00a0 \u00a0 \u00a0 \u00a0 \u00a0 \u00a0\u00a0 Sentencia T-378\/13 \u00a0 \u00a0 DERECHO A LA ESTABILIDAD LABORAL REFORZADA-Procedencia excepcional de la acci\u00f3n de tutela para su \u00a0 protecci\u00f3n cuando el trabajador se encuentra en estado de debilidad manifiesta \u00a0 \u00a0 ACCION DE TUTELA PARA OBTENER REINTEGRO LABORAL DE \u00a0 TRABAJADOR DISCAPACITADO QUE GOCE DE ESTABILIDAD LABORAL REFORZADA-Procedencia excepcional \u00a0 \u00a0 La jurisprudencia constitucional ha moderado el \u00a0 criterio de improcedencia en el caso de los sujetos que afrontan circunstancias \u00a0 de debilidad manifiesta, como son las mujeres en estado de embarazo o en periodo \u00a0 de ...<br \/><div class=\"pt-cv-rmwrap\"><a href=\"https:\/\/www.dmsjuridica.com\/buscador_20179478954\/corteconstitucionalcronologico202454587\/t-378-13\/\" class=\"_self pt-cv-readmore btn btn-success\" target=\"_self\">Ver Sentencia Completa...<\/a><\/div><\/div><\/div><\/div>\n<div class=\"col-md-12 col-sm-12 col-xs-12 pt-cv-content-item pt-cv-1-col\" ><div class='pt-cv-ifield'><a href=\"https:\/\/www.dmsjuridica.com\/buscador_20179478954\/corteconstitucionalcronologico202454587\/t-377-13\/\" class=\"_self pt-cv-href-thumbnail pt-cv-thumb-default\" target=\"_self\" ><\/a>\n<div class=\"pt-cv-taxoterm above_title\"><a href='https:\/\/www.dmsjuridica.com\/buscador_20179478954\/corteconstitucionalcronologico202454587\/category\/buscar-en-toda-la-corte\/2013\/tutelas-2013\/' title='Tutelas 2013' class='pt-cv-tax-tutelas-2013'>Tutelas 2013<\/a><\/div>\n<h4 class=\"pt-cv-title\"><a href=\"https:\/\/www.dmsjuridica.com\/buscador_20179478954\/corteconstitucionalcronologico202454587\/t-377-13\/\" class=\"_self\" target=\"_self\" >T-377-13<\/a><\/h4>\n<div class=\"pt-cv-content\">\u00a0 \u00a0 \u00a0 \u00a0 \u00a0 \u00a0T-377-13 \u00a0 \u00a0 \u00a0 \u00a0 \u00a0 \u00a0\u00a0 Sentencia \u00a0 T-377\/13 \u00a0 \u00a0 AGENCIA OFICIOSA DE PERSONAS QUE SE ENCUENTRAN \u00a0 PRESTANDO SERVICIO MILITAR OBLIGATORIO-Requisitos \u00a0 para determinar la legitimidad del padre o madre del hijo que presta el servicio \u00a0 militar \u00a0 \u00a0 La legitimaci\u00f3n por activa \u00a0 para presentar una acci\u00f3n de tutela no s\u00f3lo se predica de la persona que \u00a0 solicita directamente el amparo de sus derechos fundamentales, sino tambi\u00e9n de \u00a0 quien act\u00faa como agente oficioso de una persona, cuando a \u00e9sta le es imposible \u00a0 promover su propia defensa, siempre ...<br \/><div class=\"pt-cv-rmwrap\"><a href=\"https:\/\/www.dmsjuridica.com\/buscador_20179478954\/corteconstitucionalcronologico202454587\/t-377-13\/\" class=\"_self pt-cv-readmore btn btn-success\" target=\"_self\">Ver Sentencia Completa...<\/a><\/div><\/div><\/div><\/div>\n<div class=\"col-md-12 col-sm-12 col-xs-12 pt-cv-content-item pt-cv-1-col\" ><div class='pt-cv-ifield'><a href=\"https:\/\/www.dmsjuridica.com\/buscador_20179478954\/corteconstitucionalcronologico202454587\/t-376-13\/\" class=\"_self pt-cv-href-thumbnail pt-cv-thumb-default\" target=\"_self\" ><\/a>\n<div class=\"pt-cv-taxoterm above_title\"><a href='https:\/\/www.dmsjuridica.com\/buscador_20179478954\/corteconstitucionalcronologico202454587\/category\/buscar-en-toda-la-corte\/2013\/tutelas-2013\/' title='Tutelas 2013' class='pt-cv-tax-tutelas-2013'>Tutelas 2013<\/a><\/div>\n<h4 class=\"pt-cv-title\"><a href=\"https:\/\/www.dmsjuridica.com\/buscador_20179478954\/corteconstitucionalcronologico202454587\/t-376-13\/\" class=\"_self\" target=\"_self\" >T-376-13<\/a><\/h4>\n<div class=\"pt-cv-content\">\u00a0 \u00a0 \u00a0 \u00a0 \u00a0 \u00a0T-376-13 \u00a0 \u00a0 \u00a0 \u00a0 \u00a0 \u00a0\u00a0 Sentencia \u00a0 T-376\/13 \u00a0 \u00a0 PROHIBICION DE \u00a0 DISCRIMINACION A PORTADORES DE VIH O ENFERMOS DE SIDA EN CENTROS DE RECLUSION-Facultad de \u00a0 traslado excepcional de internos \u00a0 \u00a0 PRINCIPIO DE \u00a0 IGUALDAD-Exige \u00a0 trato diferencial frente a personas que se encuentran en situaciones de hecho \u00a0 diferentes \u00a0 \u00a0 TEST DE IGUALDAD-Jurisprudencia \u00a0 constitucional \u00a0 \u00a0 ENFERMO DE SIDA-No discriminaci\u00f3n \u00a0 \u00a0 Aunque la \u00a0 formulaci\u00f3n literal del art\u00edculo 13 constitucional no hace referencia a la \u00a0 condici\u00f3n de portador del VIH o enfermo de Sida como ...<br \/><div class=\"pt-cv-rmwrap\"><a href=\"https:\/\/www.dmsjuridica.com\/buscador_20179478954\/corteconstitucionalcronologico202454587\/t-376-13\/\" class=\"_self pt-cv-readmore btn btn-success\" target=\"_self\">Ver Sentencia Completa...<\/a><\/div><\/div><\/div><\/div>\n<div class=\"col-md-12 col-sm-12 col-xs-12 pt-cv-content-item pt-cv-1-col\" ><div class='pt-cv-ifield'><a href=\"https:\/\/www.dmsjuridica.com\/buscador_20179478954\/corteconstitucionalcronologico202454587\/t-375-13\/\" class=\"_self pt-cv-href-thumbnail pt-cv-thumb-default\" target=\"_self\" ><\/a>\n<div class=\"pt-cv-taxoterm above_title\"><a href='https:\/\/www.dmsjuridica.com\/buscador_20179478954\/corteconstitucionalcronologico202454587\/category\/buscar-en-toda-la-corte\/2013\/tutelas-2013\/' title='Tutelas 2013' class='pt-cv-tax-tutelas-2013'>Tutelas 2013<\/a><\/div>\n<h4 class=\"pt-cv-title\"><a href=\"https:\/\/www.dmsjuridica.com\/buscador_20179478954\/corteconstitucionalcronologico202454587\/t-375-13\/\" class=\"_self\" target=\"_self\" >T-375-13<\/a><\/h4>\n<div class=\"pt-cv-content\">\u00a0 \u00a0 \u00a0 \u00a0 \u00a0 \u00a0T-375-13 \u00a0 \u00a0 \u00a0 \u00a0 \u00a0 \u00a0\u00a0 Sentencia \u00a0 T-375\/13 \u00a0 \u00a0 DERECHO A LA EDUCACION-Disponibilidad, accesibilidad, aceptabilidad y \u00a0 adaptabilidad \u00a0 \u00a0 DERECHO A LA EDUCACION SUPERIOR-Car\u00e1cter progresivo de las obligaciones del Estado\/DERECHO \u00a0 A LA EDUCACION SUPERIOR-Acceso econ\u00f3mico por parte del Estado a estudiantes \u00a0 con mejores puntajes en las pruebas del ICFES \u00a0 \u00a0 Frente a los \u00a0 aspectos que conforman el derecho a la educaci\u00f3n superior el Estado tiene \u00a0 deberes de respeto, protecci\u00f3n y garant\u00eda en todos los niveles del sistema \u00a0 educativo. En relaci\u00f3n con el aspecto de accesibilidad ...<br \/><div class=\"pt-cv-rmwrap\"><a href=\"https:\/\/www.dmsjuridica.com\/buscador_20179478954\/corteconstitucionalcronologico202454587\/t-375-13\/\" class=\"_self pt-cv-readmore btn btn-success\" target=\"_self\">Ver Sentencia Completa...<\/a><\/div><\/div><\/div><\/div>\n<div class=\"col-md-12 col-sm-12 col-xs-12 pt-cv-content-item pt-cv-1-col\" ><div class='pt-cv-ifield'><a href=\"https:\/\/www.dmsjuridica.com\/buscador_20179478954\/corteconstitucionalcronologico202454587\/t-374-13\/\" class=\"_self pt-cv-href-thumbnail pt-cv-thumb-default\" target=\"_self\" ><\/a>\n<div class=\"pt-cv-taxoterm above_title\"><a href='https:\/\/www.dmsjuridica.com\/buscador_20179478954\/corteconstitucionalcronologico202454587\/category\/buscar-en-toda-la-corte\/2013\/tutelas-2013\/' title='Tutelas 2013' class='pt-cv-tax-tutelas-2013'>Tutelas 2013<\/a><\/div>\n<h4 class=\"pt-cv-title\"><a href=\"https:\/\/www.dmsjuridica.com\/buscador_20179478954\/corteconstitucionalcronologico202454587\/t-374-13\/\" class=\"_self\" target=\"_self\" >T-374-13<\/a><\/h4>\n<div class=\"pt-cv-content\">\u00a0 \u00a0 \u00a0 \u00a0 \u00a0 \u00a0T-374-13 \u00a0 \u00a0 \u00a0 \u00a0 \u00a0 \u00a0\u00a0 Sentencia T-374\/13 \u00a0 \u00a0\u00a0 DERECHO A LA EDUCACION ESPECIAL DEL MENOR CON DISCAPACIDAD Y OBLIGACIONES \u00a0 CORRELATIVAS DEL ESTADO-Reiteraci\u00f3n de \u00a0 jurisprudencia \u00a0 \u00a0 DERECHO FUNDAMENTAL A LA SALUD DE LOS NI\u00d1OS Y NI\u00d1AS CON DISCAPACIDAD-Protecci\u00f3n por tutela \u00a0 \u00a0 La salud de \u00a0 los ni\u00f1os se erige como un derecho fundamental aut\u00f3nomo y que trat\u00e1ndose de \u00a0 menores con discapacidad el Estado se encuentra doblemente obligado a ofrecer \u00a0 todos los medios que se encuentren a su alcance para obtener la plena garant\u00eda \u00a0 de los derechos ...<br \/><div class=\"pt-cv-rmwrap\"><a href=\"https:\/\/www.dmsjuridica.com\/buscador_20179478954\/corteconstitucionalcronologico202454587\/t-374-13\/\" class=\"_self pt-cv-readmore btn btn-success\" target=\"_self\">Ver Sentencia Completa...<\/a><\/div><\/div><\/div><\/div>\n<div class=\"col-md-12 col-sm-12 col-xs-12 pt-cv-content-item pt-cv-1-col\" ><div class='pt-cv-ifield'><a href=\"https:\/\/www.dmsjuridica.com\/buscador_20179478954\/corteconstitucionalcronologico202454587\/t-373-13\/\" class=\"_self pt-cv-href-thumbnail pt-cv-thumb-default\" target=\"_self\" ><\/a>\n<div class=\"pt-cv-taxoterm above_title\"><a href='https:\/\/www.dmsjuridica.com\/buscador_20179478954\/corteconstitucionalcronologico202454587\/category\/buscar-en-toda-la-corte\/2013\/tutelas-2013\/' title='Tutelas 2013' class='pt-cv-tax-tutelas-2013'>Tutelas 2013<\/a><\/div>\n<h4 class=\"pt-cv-title\"><a href=\"https:\/\/www.dmsjuridica.com\/buscador_20179478954\/corteconstitucionalcronologico202454587\/t-373-13\/\" class=\"_self\" target=\"_self\" >T-373-13<\/a><\/h4>\n<div class=\"pt-cv-content\">\u00a0 \u00a0 \u00a0 \u00a0 \u00a0 \u00a0T-373-13 \u00a0 \u00a0 \u00a0 \u00a0 \u00a0 \u00a0\u00a0 Sentencia T-373\/13 \u00a0 \u00a0\u00a0 AGENCIA OFICIOSA DE PERSONAS QUE SE ENCUENTRAN PRESTANDO SERVICIO MILITAR \u00a0 OBLIGATORIO-L\u00ednea jurisprudencial \u00a0 \u00a0 Es viable \u00a0 que un padre de familia agencie los derechos fundamentales de un hijo mayor de \u00a0 edad, reclutado por el Ej\u00e9rcito, siempre y cuando: \u00a0(i) indique que est\u00e1 \u00a0 actuando como agente oficioso, (ii) figure expresamente o \u00a0 se infiera del contenido de la tutela que el titular de los derechos (joven \u00a0 reclutado) no est\u00e1 en condiciones materiales para promover su propia defensa \u00a0 porque est\u00e1 ...<br \/><div class=\"pt-cv-rmwrap\"><a href=\"https:\/\/www.dmsjuridica.com\/buscador_20179478954\/corteconstitucionalcronologico202454587\/t-373-13\/\" class=\"_self pt-cv-readmore btn btn-success\" target=\"_self\">Ver Sentencia Completa...<\/a><\/div><\/div><\/div><\/div>\n<div class=\"col-md-12 col-sm-12 col-xs-12 pt-cv-content-item pt-cv-1-col\" ><div class='pt-cv-ifield'><a href=\"https:\/\/www.dmsjuridica.com\/buscador_20179478954\/corteconstitucionalcronologico202454587\/t-372-13\/\" class=\"_self pt-cv-href-thumbnail pt-cv-thumb-default\" target=\"_self\" ><\/a>\n<div class=\"pt-cv-taxoterm above_title\"><a href='https:\/\/www.dmsjuridica.com\/buscador_20179478954\/corteconstitucionalcronologico202454587\/category\/buscar-en-toda-la-corte\/2013\/tutelas-2013\/' title='Tutelas 2013' class='pt-cv-tax-tutelas-2013'>Tutelas 2013<\/a><\/div>\n<h4 class=\"pt-cv-title\"><a href=\"https:\/\/www.dmsjuridica.com\/buscador_20179478954\/corteconstitucionalcronologico202454587\/t-372-13\/\" class=\"_self\" target=\"_self\" >T-372-13<\/a><\/h4>\n<div class=\"pt-cv-content\">\u00a0 \u00a0 \u00a0 \u00a0 \u00a0 \u00a0T-372-13 \u00a0 \u00a0 \u00a0 \u00a0 \u00a0 \u00a0\u00a0 Sentencia \u00a0 T-372\/13 \u00a0 \u00a0 DERECHO A LA VISITA INTIMA DE PERSONAS QUE SE AUTO RECONOCEN COMO POBLACION \u00a0 LGBTI-Garant\u00eda \u00a0 del derecho a la intimidad, al libre desarrollo de la personalidad, y a la no \u00a0 discriminaci\u00f3n por raz\u00f3n del sexo \u00a0 \u00a0 DERECHO A LA VISITA CONYUGAL Y AL LIBRE DESARROLLO DE LA PERSONALIDAD DEL \u00a0 INTERNO-Alcance \u00a0 \u00a0 DERECHO A LA VISITA INTIMA DE PERSONA PRIVADA DE LA LIBERTAD-Garant\u00eda \u00a0 para las parejas del mismo sexo \u00a0 \u00a0 La \u00a0 relaci\u00f3n entre el derecho a ...<br \/><div class=\"pt-cv-rmwrap\"><a href=\"https:\/\/www.dmsjuridica.com\/buscador_20179478954\/corteconstitucionalcronologico202454587\/t-372-13\/\" class=\"_self pt-cv-readmore btn btn-success\" target=\"_self\">Ver Sentencia Completa...<\/a><\/div><\/div><\/div><\/div>\n<div class=\"col-md-12 col-sm-12 col-xs-12 pt-cv-content-item pt-cv-1-col\" ><div class='pt-cv-ifield'><a href=\"https:\/\/www.dmsjuridica.com\/buscador_20179478954\/corteconstitucionalcronologico202454587\/t-371-13\/\" class=\"_self pt-cv-href-thumbnail pt-cv-thumb-default\" target=\"_self\" ><\/a>\n<div class=\"pt-cv-taxoterm above_title\"><a href='https:\/\/www.dmsjuridica.com\/buscador_20179478954\/corteconstitucionalcronologico202454587\/category\/buscar-en-toda-la-corte\/2013\/tutelas-2013\/' title='Tutelas 2013' class='pt-cv-tax-tutelas-2013'>Tutelas 2013<\/a><\/div>\n<h4 class=\"pt-cv-title\"><a href=\"https:\/\/www.dmsjuridica.com\/buscador_20179478954\/corteconstitucionalcronologico202454587\/t-371-13\/\" class=\"_self\" target=\"_self\" >T-371-13<\/a><\/h4>\n<div class=\"pt-cv-content\">\u00a0 \u00a0 \u00a0 \u00a0 \u00a0 \u00a0T-371-13 \u00a0 \u00a0 \u00a0 \u00a0 \u00a0 \u00a0\u00a0 Sentencia \u00a0 T-371\/13 \u00a0 \u00a0 DIVERSIDAD ETNICA Y CULTURAL-Protecci\u00f3n constitucional \u00a0 \u00a0 La jurisprudencia constitucional ha concluido que la protecci\u00f3n del principio de \u00a0 diversidad \u00e9tnica y cultural obliga a, entre otros, los siguientes \u00a0 reconocimientos: (i) Que las comunidades ind\u00edgenas son sujetos de derechos \u00a0 fundamentales; (ii) Que esos derechos no son equivalentes a los derechos \u00a0 individuales de cada uno de sus miembros ni a la sumatoria de estos; (iii) Que \u00a0 los derechos colectivos de las comunidades ind\u00edgenas solo aplican para estas y \u00a0 no ...<br \/><div class=\"pt-cv-rmwrap\"><a href=\"https:\/\/www.dmsjuridica.com\/buscador_20179478954\/corteconstitucionalcronologico202454587\/t-371-13\/\" class=\"_self pt-cv-readmore btn btn-success\" target=\"_self\">Ver Sentencia Completa...<\/a><\/div><\/div><\/div><\/div>\n<div class=\"col-md-12 col-sm-12 col-xs-12 pt-cv-content-item pt-cv-1-col\" ><div class='pt-cv-ifield'><a href=\"https:\/\/www.dmsjuridica.com\/buscador_20179478954\/corteconstitucionalcronologico202454587\/t-370-13\/\" class=\"_self pt-cv-href-thumbnail pt-cv-thumb-default\" target=\"_self\" ><\/a>\n<div class=\"pt-cv-taxoterm above_title\"><a href='https:\/\/www.dmsjuridica.com\/buscador_20179478954\/corteconstitucionalcronologico202454587\/category\/buscar-en-toda-la-corte\/2013\/tutelas-2013\/' title='Tutelas 2013' class='pt-cv-tax-tutelas-2013'>Tutelas 2013<\/a><\/div>\n<h4 class=\"pt-cv-title\"><a href=\"https:\/\/www.dmsjuridica.com\/buscador_20179478954\/corteconstitucionalcronologico202454587\/t-370-13\/\" class=\"_self\" target=\"_self\" >T-370-13<\/a><\/h4>\n<div class=\"pt-cv-content\">\u00a0 \u00a0 \u00a0 \u00a0 \u00a0 \u00a0T-370-13 \u00a0 \u00a0 \u00a0 \u00a0 \u00a0 \u00a0\u00a0 Sentencia \u00a0 T-370\/13 \u00a0 \u00a0 El grado \u00a0 extremo de vulnerabilidad de la poblaci\u00f3n desplazada se origina no solo en las \u00a0 din\u00e1micas de violencia propias del conflicto armado imperante, sino tambi\u00e9n en \u00a0 las deficiencias de la estructura pol\u00edtica y administrativa del Estado para \u00a0 atender sus requerimientos. Debido a lo anterior este grupo justifica un \u00a0 \u201cestatus constitucional especial que no puede simplemente tener un efecto \u00a0 ret\u00f3rico\u201d, sino desplegar aut\u00e9nticos deberes vinculantes. \u00a0 \u00a0 OBLIGACION \u00a0 DEL ESTADO A LA REPARACION INTEGRAL DE LAS VICTIMAS ...<br \/><div class=\"pt-cv-rmwrap\"><a href=\"https:\/\/www.dmsjuridica.com\/buscador_20179478954\/corteconstitucionalcronologico202454587\/t-370-13\/\" class=\"_self pt-cv-readmore btn btn-success\" target=\"_self\">Ver Sentencia Completa...<\/a><\/div><\/div><\/div><\/div>\n<div class=\"col-md-12 col-sm-12 col-xs-12 pt-cv-content-item pt-cv-1-col\" ><div class='pt-cv-ifield'><a href=\"https:\/\/www.dmsjuridica.com\/buscador_20179478954\/corteconstitucionalcronologico202454587\/t-369-13\/\" class=\"_self pt-cv-href-thumbnail pt-cv-thumb-default\" target=\"_self\" ><\/a>\n<div class=\"pt-cv-taxoterm above_title\"><a href='https:\/\/www.dmsjuridica.com\/buscador_20179478954\/corteconstitucionalcronologico202454587\/category\/buscar-en-toda-la-corte\/2013\/tutelas-2013\/' title='Tutelas 2013' class='pt-cv-tax-tutelas-2013'>Tutelas 2013<\/a><\/div>\n<h4 class=\"pt-cv-title\"><a href=\"https:\/\/www.dmsjuridica.com\/buscador_20179478954\/corteconstitucionalcronologico202454587\/t-369-13\/\" class=\"_self\" target=\"_self\" >T-369-13<\/a><\/h4>\n<div class=\"pt-cv-content\">\u00a0 \u00a0 \u00a0 \u00a0 \u00a0 \u00a0T-369-13 \u00a0 \u00a0 \u00a0 \u00a0 \u00a0 \u00a0\u00a0 Sentencia T-369\/13 \u00a0 \u00a0 DERECHO \u00a0 FUNDAMENTAL DE PETICION-Protecci\u00f3n constitucional y alcance \u00a0 \u00a0 El derecho \u00a0 de petici\u00f3n consagra de un lado la facultad de presentar solicitudes respetuosas \u00a0 a las entidades p\u00fablicas y privadas. Y de otro lado, el derecho a obtener \u00a0 respuesta oportuna, clara, completa y de fondo al asunto solicitado. La \u00a0 jurisprudencia constitucional tambi\u00e9n ha resaltado que la respuesta de la \u00a0 autoridad debe incluir un an\u00e1lisis profundo y detallado de los supuestos \u00a0 f\u00e1cticos y normativos que rigen el tema, as\u00ed, ...<br \/><div class=\"pt-cv-rmwrap\"><a href=\"https:\/\/www.dmsjuridica.com\/buscador_20179478954\/corteconstitucionalcronologico202454587\/t-369-13\/\" class=\"_self pt-cv-readmore btn btn-success\" target=\"_self\">Ver Sentencia Completa...<\/a><\/div><\/div><\/div><\/div>\n<div class=\"col-md-12 col-sm-12 col-xs-12 pt-cv-content-item pt-cv-1-col\" ><div class='pt-cv-ifield'><a href=\"https:\/\/www.dmsjuridica.com\/buscador_20179478954\/corteconstitucionalcronologico202454587\/t-366-13\/\" class=\"_self pt-cv-href-thumbnail pt-cv-thumb-default\" target=\"_self\" ><\/a>\n<div class=\"pt-cv-taxoterm above_title\"><a href='https:\/\/www.dmsjuridica.com\/buscador_20179478954\/corteconstitucionalcronologico202454587\/category\/buscar-en-toda-la-corte\/2013\/tutelas-2013\/' title='Tutelas 2013' class='pt-cv-tax-tutelas-2013'>Tutelas 2013<\/a><\/div>\n<h4 class=\"pt-cv-title\"><a href=\"https:\/\/www.dmsjuridica.com\/buscador_20179478954\/corteconstitucionalcronologico202454587\/t-366-13\/\" class=\"_self\" target=\"_self\" >T-366-13<\/a><\/h4>\n<div class=\"pt-cv-content\">\u00a0 \u00a0 \u00a0 \u00a0 \u00a0 \u00a0T-366-13 \u00a0 \u00a0 \u00a0 \u00a0 \u00a0 \u00a0\u00a0 Sentencia T-366\/13 \u00a0 \u00a0 DERECHO DE REUNION Y MANIFESTACION PUBLICA Y PACIFICA-Contenido \u00a0 \u00a0 En Colombia el derecho a reunirse y manifestarse \u00a0 p\u00fablica y pac\u00edficamente est\u00e1 expresamente reconocido en la Constituci\u00f3n Pol\u00edtica \u00a0 y en los tratados internacionales que hacen parte del bloque de \u00a0 constitucionalidad. El art\u00edculo 37 de la Constituci\u00f3n consagra este derecho, en \u00a0 los siguientes t\u00e9rminos: \u201cToda parte del pueblo, puede reunirse y manifestarse \u00a0 p\u00fablica y pac\u00edficamente. S\u00f3lo la ley podr\u00e1 establecer de manera expresa \u00a0 los casos en los cuales se ...<br \/><div class=\"pt-cv-rmwrap\"><a href=\"https:\/\/www.dmsjuridica.com\/buscador_20179478954\/corteconstitucionalcronologico202454587\/t-366-13\/\" class=\"_self pt-cv-readmore btn btn-success\" target=\"_self\">Ver Sentencia Completa...<\/a><\/div><\/div><\/div><\/div>\n<div class=\"col-md-12 col-sm-12 col-xs-12 pt-cv-content-item pt-cv-1-col\" ><div class='pt-cv-ifield'><a href=\"https:\/\/www.dmsjuridica.com\/buscador_20179478954\/corteconstitucionalcronologico202454587\/t-365-13\/\" class=\"_self pt-cv-href-thumbnail pt-cv-thumb-default\" target=\"_self\" ><\/a>\n<div class=\"pt-cv-taxoterm above_title\"><a href='https:\/\/www.dmsjuridica.com\/buscador_20179478954\/corteconstitucionalcronologico202454587\/category\/buscar-en-toda-la-corte\/2013\/tutelas-2013\/' title='Tutelas 2013' class='pt-cv-tax-tutelas-2013'>Tutelas 2013<\/a><\/div>\n<h4 class=\"pt-cv-title\"><a href=\"https:\/\/www.dmsjuridica.com\/buscador_20179478954\/corteconstitucionalcronologico202454587\/t-365-13\/\" class=\"_self\" target=\"_self\" >T-365-13<\/a><\/h4>\n<div class=\"pt-cv-content\">\u00a0 \u00a0 \u00a0 \u00a0 \u00a0 \u00a0T-365-13 \u00a0 \u00a0 \u00a0 \u00a0 \u00a0 \u00a0\u00a0 Sentencia T-365\/13 \u00a0 \u00a0 CARENCIA ACTUAL DE OBJETO POR HECHO SUPERADO-Juez debe verificar que efectivamente ces\u00f3 la \u00a0 vulneraci\u00f3n o amenaza de derechos fundamentales \u00a0 \u00a0 HECHO SUPERADO-Juez \u00a0 de instancia y Corte Constitucional deben demostrar que efectivamente se est\u00e1 \u00a0 frente a un hecho superado y ser\u00e1 declarado en la parte resolutiva de la \u00a0 sentencia \u00a0 \u00a0 Ante una carencia actual de objeto por hecho superado, \u00a0 es necesario que, tanto los jueces de instancia como la Corte Constitucional, \u00a0 demuestren que se ha satisfecho por ...<br \/><div class=\"pt-cv-rmwrap\"><a href=\"https:\/\/www.dmsjuridica.com\/buscador_20179478954\/corteconstitucionalcronologico202454587\/t-365-13\/\" class=\"_self pt-cv-readmore btn btn-success\" target=\"_self\">Ver Sentencia Completa...<\/a><\/div><\/div><\/div><\/div>\n<div class=\"col-md-12 col-sm-12 col-xs-12 pt-cv-content-item pt-cv-1-col\" ><div class='pt-cv-ifield'><a href=\"https:\/\/www.dmsjuridica.com\/buscador_20179478954\/corteconstitucionalcronologico202454587\/t-364-13\/\" class=\"_self pt-cv-href-thumbnail pt-cv-thumb-default\" target=\"_self\" ><\/a>\n<div class=\"pt-cv-taxoterm above_title\"><a href='https:\/\/www.dmsjuridica.com\/buscador_20179478954\/corteconstitucionalcronologico202454587\/category\/buscar-en-toda-la-corte\/2013\/tutelas-2013\/' title='Tutelas 2013' class='pt-cv-tax-tutelas-2013'>Tutelas 2013<\/a><\/div>\n<h4 class=\"pt-cv-title\"><a href=\"https:\/\/www.dmsjuridica.com\/buscador_20179478954\/corteconstitucionalcronologico202454587\/t-364-13\/\" class=\"_self\" target=\"_self\" >T-364-13<\/a><\/h4>\n<div class=\"pt-cv-content\">\u00a0 \u00a0 \u00a0 \u00a0 \u00a0 \u00a0T-364-13 \u00a0 \u00a0 \u00a0 \u00a0 \u00a0 \u00a0\u00a0 Sentencia T-364\/13 \u00a0 \u00a0 ACCION DE TUTELA CONTRA PROVIDENCIAS JUDICIALES-Requisitos generales y especiales de procedibilidad \u00a0 \u00a0 DEFECTO SUSTANTIVO EN LA JURISPRUDENCIA CONSTITUCIONAL \u00a0 \u00a0 Las interpretaciones que realicen los jueces naturales \u00a0 de las normas, pese a su autonom\u00eda \u00a0 para elegir las disposiciones jur\u00eddicas eficaces al caso en concreto, para \u00a0 determinar su forma de aplicaci\u00f3n, y para establecer la manera integrar el \u00a0 ordenamiento jur\u00eddico, tambi\u00e9n pueden desembocar en un defecto sustantivo, lo \u00a0 cual merece un an\u00e1lisis exhaustivo en el estudio del caso pues ...<br \/><div class=\"pt-cv-rmwrap\"><a href=\"https:\/\/www.dmsjuridica.com\/buscador_20179478954\/corteconstitucionalcronologico202454587\/t-364-13\/\" class=\"_self pt-cv-readmore btn btn-success\" target=\"_self\">Ver Sentencia Completa...<\/a><\/div><\/div><\/div><\/div>\n<div class=\"col-md-12 col-sm-12 col-xs-12 pt-cv-content-item pt-cv-1-col\" ><div class='pt-cv-ifield'><a href=\"https:\/\/www.dmsjuridica.com\/buscador_20179478954\/corteconstitucionalcronologico202454587\/t-363-13\/\" class=\"_self pt-cv-href-thumbnail pt-cv-thumb-default\" target=\"_self\" ><\/a>\n<div class=\"pt-cv-taxoterm above_title\"><a href='https:\/\/www.dmsjuridica.com\/buscador_20179478954\/corteconstitucionalcronologico202454587\/category\/buscar-en-toda-la-corte\/2013\/tutelas-2013\/' title='Tutelas 2013' class='pt-cv-tax-tutelas-2013'>Tutelas 2013<\/a><\/div>\n<h4 class=\"pt-cv-title\"><a href=\"https:\/\/www.dmsjuridica.com\/buscador_20179478954\/corteconstitucionalcronologico202454587\/t-363-13\/\" class=\"_self\" target=\"_self\" >T-363-13<\/a><\/h4>\n<div class=\"pt-cv-content\">\u00a0 \u00a0 \u00a0 \u00a0 \u00a0 \u00a0T-363-13 \u00a0 \u00a0 \u00a0 \u00a0 \u00a0 \u00a0\u00a0 Sentencia T-363\/13 \u00a0 \u00a0 ACCION DE TUTELA CONTRA PROVIDENCIAS JUDICIALES-Requisitos generales y especiales de procedibilidad \u00a0 \u00a0 CARACTERIZACION DEL DEFECTO PROCEDIMENTAL POR EXCESO \u00a0 RITUAL MANIFIESTO-Reiteraci\u00f3n de \u00a0 jurisprudencia \u00a0 \u00a0 La jurisprudencia constitucional ha venido decantando \u00a0 la caracterizaci\u00f3n del defecto procedimental para se\u00f1alar que este se configura \u00a0 en aquellas situaciones en las que el juzgador incurre en desconocimiento de \u00a0 derechos fundamentales al negar el derecho sustancial, bien sea por no aplicar \u00a0 la norma procesal que rige el procedimiento pertinente, o cuando excede la ...<br \/><div class=\"pt-cv-rmwrap\"><a href=\"https:\/\/www.dmsjuridica.com\/buscador_20179478954\/corteconstitucionalcronologico202454587\/t-363-13\/\" class=\"_self pt-cv-readmore btn btn-success\" target=\"_self\">Ver Sentencia Completa...<\/a><\/div><\/div><\/div><\/div>\n<div class=\"col-md-12 col-sm-12 col-xs-12 pt-cv-content-item pt-cv-1-col\" ><div class='pt-cv-ifield'><a href=\"https:\/\/www.dmsjuridica.com\/buscador_20179478954\/corteconstitucionalcronologico202454587\/t-362-13\/\" class=\"_self pt-cv-href-thumbnail pt-cv-thumb-default\" target=\"_self\" ><\/a>\n<div class=\"pt-cv-taxoterm above_title\"><a href='https:\/\/www.dmsjuridica.com\/buscador_20179478954\/corteconstitucionalcronologico202454587\/category\/buscar-en-toda-la-corte\/2013\/tutelas-2013\/' title='Tutelas 2013' class='pt-cv-tax-tutelas-2013'>Tutelas 2013<\/a><\/div>\n<h4 class=\"pt-cv-title\"><a href=\"https:\/\/www.dmsjuridica.com\/buscador_20179478954\/corteconstitucionalcronologico202454587\/t-362-13\/\" class=\"_self\" target=\"_self\" >T-362-13<\/a><\/h4>\n<div class=\"pt-cv-content\">\u00a0 \u00a0 \u00a0 \u00a0 \u00a0 \u00a0T-362-13 \u00a0 \u00a0 \u00a0 \u00a0 \u00a0 \u00a0\u00a0 Sentencia T-362\/13 \u00a0 \u00a0 ACCION DE \u00a0 TUTELA CONTRA PROVIDENCIAS JUDICIALES-Requisitos generales y especiales de \u00a0 procedibilidad \u00a0 \u00a0 ACCION DE \u00a0 TUTELA CONTRA PROVIDENCIAS JUDICIALES-En la sentencia C-590\/05 la Corte \u00a0 Constitucional sistematiz\u00f3 y unific\u00f3 los requisitos de procedencia y motivos de \u00a0 procedibilidad \u00a0 \u00a0 Lo esencial para determinar la procedencia de la \u00a0 acci\u00f3n de tutela en contra de una sentencia judicial, es la concurrencia de tres \u00a0 situaciones: (i) el cumplimiento de los requisitos formales de procedibilidad, \u00a0 (ii) la existencia de alguna o ...<br \/><div class=\"pt-cv-rmwrap\"><a href=\"https:\/\/www.dmsjuridica.com\/buscador_20179478954\/corteconstitucionalcronologico202454587\/t-362-13\/\" class=\"_self pt-cv-readmore btn btn-success\" target=\"_self\">Ver Sentencia Completa...<\/a><\/div><\/div><\/div><\/div>\n<div class=\"col-md-12 col-sm-12 col-xs-12 pt-cv-content-item pt-cv-1-col\" ><div class='pt-cv-ifield'><a href=\"https:\/\/www.dmsjuridica.com\/buscador_20179478954\/corteconstitucionalcronologico202454587\/t-357-13\/\" class=\"_self pt-cv-href-thumbnail pt-cv-thumb-default\" target=\"_self\" ><\/a>\n<div class=\"pt-cv-taxoterm above_title\"><a href='https:\/\/www.dmsjuridica.com\/buscador_20179478954\/corteconstitucionalcronologico202454587\/category\/buscar-en-toda-la-corte\/2013\/tutelas-2013\/' title='Tutelas 2013' class='pt-cv-tax-tutelas-2013'>Tutelas 2013<\/a><\/div>\n<h4 class=\"pt-cv-title\"><a href=\"https:\/\/www.dmsjuridica.com\/buscador_20179478954\/corteconstitucionalcronologico202454587\/t-357-13\/\" class=\"_self\" target=\"_self\" >T-357-13<\/a><\/h4>\n<div class=\"pt-cv-content\">\u00a0 \u00a0 \u00a0 \u00a0 \u00a0 \u00a0T-357-13 \u00a0 \u00a0 \u00a0 \u00a0 \u00a0 \u00a0\u00a0 Sentencia T-357\/13 \u00a0 \u00a0 ACCION DE TUTELA CONTRA EL INSTITUTO DE SEGUROS \u00a0 SOCIALES PARA RECONOCIMIENTO DE PENSION DE SOBREVIVIENTES A PAREJAS DEL MISMO \u00a0 SEXO-Procedencia como mecanismo \u00a0 definitivo, por no existir otro medio de defensa judicial \u00a0 \u00a0 Esta Sala considera que, en esta oportunidad, el \u00a0 mecanismo ordinario laboral no resultar\u00eda id\u00f3neo frente a la exigencia de \u00a0 protecci\u00f3n inmediata de los derechos fundamentales del accionante, toda vez que \u00a0 el amparo solicitado se circunscribe a la no aceptaci\u00f3n de las pruebas aportadas \u00a0 para ...<br \/><div class=\"pt-cv-rmwrap\"><a href=\"https:\/\/www.dmsjuridica.com\/buscador_20179478954\/corteconstitucionalcronologico202454587\/t-357-13\/\" class=\"_self pt-cv-readmore btn btn-success\" target=\"_self\">Ver Sentencia Completa...<\/a><\/div><\/div><\/div><\/div>\n<div class=\"col-md-12 col-sm-12 col-xs-12 pt-cv-content-item pt-cv-1-col\" ><div class='pt-cv-ifield'><a href=\"https:\/\/www.dmsjuridica.com\/buscador_20179478954\/corteconstitucionalcronologico202454587\/t-356-13\/\" class=\"_self pt-cv-href-thumbnail pt-cv-thumb-default\" target=\"_self\" ><\/a>\n<div class=\"pt-cv-taxoterm above_title\"><a href='https:\/\/www.dmsjuridica.com\/buscador_20179478954\/corteconstitucionalcronologico202454587\/category\/buscar-en-toda-la-corte\/2013\/tutelas-2013\/' title='Tutelas 2013' class='pt-cv-tax-tutelas-2013'>Tutelas 2013<\/a><\/div>\n<h4 class=\"pt-cv-title\"><a href=\"https:\/\/www.dmsjuridica.com\/buscador_20179478954\/corteconstitucionalcronologico202454587\/t-356-13\/\" class=\"_self\" target=\"_self\" >T-356-13<\/a><\/h4>\n<div class=\"pt-cv-content\">\u00a0 \u00a0 \u00a0 \u00a0 \u00a0 \u00a0T-356-13 \u00a0 \u00a0 \u00a0 \u00a0 \u00a0 \u00a0\u00a0 Sentencia \u00a0 T-356\/13 \u00a0 \u00a0 DERECHO AL LIBRE \u00a0 DESARROLLO DE LA PERSONALIDAD-Inaplicaci\u00f3n de las normas del manual de \u00a0 convivencia en lo relacionado con el corte y presentaci\u00f3n del cabello \u00a0 \u00a0 Por regla \u00a0 general, se ha considerado que la norma prevista en los manuales de convivencia \u00a0 de centros educativos, seg\u00fan la cual los estudiantes deben seguir un patr\u00f3n \u00a0 est\u00e9tico \u00fanico o excluyente, particularmente sobre la manera en que deben llevar \u00a0 su cabello, vulnera el derecho fundamental al libre desarrollo de la \u00a0 ...<br \/><div class=\"pt-cv-rmwrap\"><a href=\"https:\/\/www.dmsjuridica.com\/buscador_20179478954\/corteconstitucionalcronologico202454587\/t-356-13\/\" class=\"_self pt-cv-readmore btn btn-success\" target=\"_self\">Ver Sentencia Completa...<\/a><\/div><\/div><\/div><\/div>\n<div class=\"col-md-12 col-sm-12 col-xs-12 pt-cv-content-item pt-cv-1-col\" ><div class='pt-cv-ifield'><a href=\"https:\/\/www.dmsjuridica.com\/buscador_20179478954\/corteconstitucionalcronologico202454587\/t-355-13\/\" class=\"_self pt-cv-href-thumbnail pt-cv-thumb-default\" target=\"_self\" ><\/a>\n<div class=\"pt-cv-taxoterm above_title\"><a href='https:\/\/www.dmsjuridica.com\/buscador_20179478954\/corteconstitucionalcronologico202454587\/category\/buscar-en-toda-la-corte\/2013\/tutelas-2013\/' title='Tutelas 2013' class='pt-cv-tax-tutelas-2013'>Tutelas 2013<\/a><\/div>\n<h4 class=\"pt-cv-title\"><a href=\"https:\/\/www.dmsjuridica.com\/buscador_20179478954\/corteconstitucionalcronologico202454587\/t-355-13\/\" class=\"_self\" target=\"_self\" >T-355-13<\/a><\/h4>\n<div class=\"pt-cv-content\">\u00a0 \u00a0 \u00a0 \u00a0 \u00a0 \u00a0T-355-13 \u00a0 \u00a0 \u00a0 \u00a0 \u00a0 \u00a0\u00a0 Sentencia T-355\/13 \u00a0 \u00a0 DERECHO A LA VIVIENDA DIGNA-Fundamental aut\u00f3nomo \u00a0 \u00a0 DERECHO A LA VIVIENDA DIGNA-Naturaleza \u00a0 jur\u00eddica, alcance y contenido \u00a0 \u00a0 El derecho a la vivienda digna requiere para su \u00a0 perfeccionamiento de unas condiciones m\u00ednimas de habitabilidad, lo que supone \u00a0 disponer de un lugar donde se pueda resguardar y que cuente con seguridad, \u00a0 iluminaci\u00f3n y ventilaci\u00f3n adecuada, con la infraestructura necesaria para la \u00a0 prestaci\u00f3n de los servicios b\u00e1sicos y que le permita a la persona desarrollar \u00a0 sus actividades personales y ...<br \/><div class=\"pt-cv-rmwrap\"><a href=\"https:\/\/www.dmsjuridica.com\/buscador_20179478954\/corteconstitucionalcronologico202454587\/t-355-13\/\" class=\"_self pt-cv-readmore btn btn-success\" target=\"_self\">Ver Sentencia Completa...<\/a><\/div><\/div><\/div><\/div>\n<div class=\"col-md-12 col-sm-12 col-xs-12 pt-cv-content-item pt-cv-1-col\" ><div class='pt-cv-ifield'><a href=\"https:\/\/www.dmsjuridica.com\/buscador_20179478954\/corteconstitucionalcronologico202454587\/t-349-13\/\" class=\"_self pt-cv-href-thumbnail pt-cv-thumb-default\" target=\"_self\" ><\/a>\n<div class=\"pt-cv-taxoterm above_title\"><a href='https:\/\/www.dmsjuridica.com\/buscador_20179478954\/corteconstitucionalcronologico202454587\/category\/buscar-en-toda-la-corte\/2013\/tutelas-2013\/' title='Tutelas 2013' class='pt-cv-tax-tutelas-2013'>Tutelas 2013<\/a><\/div>\n<h4 class=\"pt-cv-title\"><a href=\"https:\/\/www.dmsjuridica.com\/buscador_20179478954\/corteconstitucionalcronologico202454587\/t-349-13\/\" class=\"_self\" target=\"_self\" >T-349-13<\/a><\/h4>\n<div class=\"pt-cv-content\">\u00a0 \u00a0 \u00a0 \u00a0 \u00a0 \u00a0T-349-13 \u00a0 \u00a0 \u00a0 \u00a0 \u00a0 \u00a0\u00a0 Sentencia T-349\/13 \u00a0 \u00a0\u00a0 ACCION DE TUTELA TEMERARIA-Requisitos \u00a0 para que se configure \u00a0 \u00a0 Esta Corporaci\u00f3n ha establecido \u00a0 que se configura la temeridad respecto de un asunto puesto en conocimiento del \u00a0 juez de tutela, cuando se re\u00fanen los siguientes requisitos: (i) identidad de \u00a0 partes, (ii) identidad de hechos, (iii) identidad de pretensiones; y, (iv) \u00a0 ausencia de justificaci\u00f3n frente al ejercicio de la nueva acci\u00f3n de tutela. Si \u00a0 la actuaci\u00f3n cuestionada cumple con los anteriores requisitos, puede concluirse \u00a0 que se trata de ...<br \/><div class=\"pt-cv-rmwrap\"><a href=\"https:\/\/www.dmsjuridica.com\/buscador_20179478954\/corteconstitucionalcronologico202454587\/t-349-13\/\" class=\"_self pt-cv-readmore btn btn-success\" target=\"_self\">Ver Sentencia Completa...<\/a><\/div><\/div><\/div><\/div>\n<div class=\"col-md-12 col-sm-12 col-xs-12 pt-cv-content-item pt-cv-1-col\" ><div class='pt-cv-ifield'><a href=\"https:\/\/www.dmsjuridica.com\/buscador_20179478954\/corteconstitucionalcronologico202454587\/t-348-13\/\" class=\"_self pt-cv-href-thumbnail pt-cv-thumb-default\" target=\"_self\" ><\/a>\n<div class=\"pt-cv-taxoterm above_title\"><a href='https:\/\/www.dmsjuridica.com\/buscador_20179478954\/corteconstitucionalcronologico202454587\/category\/buscar-en-toda-la-corte\/2013\/tutelas-2013\/' title='Tutelas 2013' class='pt-cv-tax-tutelas-2013'>Tutelas 2013<\/a><\/div>\n<h4 class=\"pt-cv-title\"><a href=\"https:\/\/www.dmsjuridica.com\/buscador_20179478954\/corteconstitucionalcronologico202454587\/t-348-13\/\" class=\"_self\" target=\"_self\" >T-348-13<\/a><\/h4>\n<div class=\"pt-cv-content\">\u00a0 \u00a0 \u00a0 \u00a0 \u00a0 \u00a0T-348-13 \u00a0 \u00a0 \u00a0 \u00a0 \u00a0 \u00a0\u00a0 Sentencia T-348\/13 \u00a0 \u00a0 ACCION DE TUTELA PARA SOLICITAR PROTECCION DEL DERECHO AL AGUA-Procedencia excepcional \u00a0 \u00a0 Para establecer la procedencia \u00a0 de la acci\u00f3n de tutela cuando su pretensi\u00f3n es la protecci\u00f3n del derecho al \u00a0 agua, el juez debe verificar que est\u00e9 destinada al consumo humano, pues \u00e9sta es \u00a0 la caracter\u00edstica que define su car\u00e1cter de fundamental, de lo contrario, se \u00a0 tratar\u00eda del derecho colectivo al agua y en este caso se debe acudir a la acci\u00f3n \u00a0 popular, consagrada en la ley 472 ...<br \/><div class=\"pt-cv-rmwrap\"><a href=\"https:\/\/www.dmsjuridica.com\/buscador_20179478954\/corteconstitucionalcronologico202454587\/t-348-13\/\" class=\"_self pt-cv-readmore btn btn-success\" target=\"_self\">Ver Sentencia Completa...<\/a><\/div><\/div><\/div><\/div>\n<div class=\"col-md-12 col-sm-12 col-xs-12 pt-cv-content-item pt-cv-1-col\" ><div class='pt-cv-ifield'><a href=\"https:\/\/www.dmsjuridica.com\/buscador_20179478954\/corteconstitucionalcronologico202454587\/t-347-13\/\" class=\"_self pt-cv-href-thumbnail pt-cv-thumb-default\" target=\"_self\" ><\/a>\n<div class=\"pt-cv-taxoterm above_title\"><a href='https:\/\/www.dmsjuridica.com\/buscador_20179478954\/corteconstitucionalcronologico202454587\/category\/buscar-en-toda-la-corte\/2013\/tutelas-2013\/' title='Tutelas 2013' class='pt-cv-tax-tutelas-2013'>Tutelas 2013<\/a><\/div>\n<h4 class=\"pt-cv-title\"><a href=\"https:\/\/www.dmsjuridica.com\/buscador_20179478954\/corteconstitucionalcronologico202454587\/t-347-13\/\" class=\"_self\" target=\"_self\" >T-347-13<\/a><\/h4>\n<div class=\"pt-cv-content\">\u00a0 \u00a0 \u00a0 \u00a0 \u00a0 \u00a0T-347-13 \u00a0 \u00a0 \u00a0 \u00a0 \u00a0 \u00a0\u00a0 FACULTAD DISCRECIONAL DEL INPEC PARA TRASLADAR A LOS RECLUSOS-Reiteraci\u00f3n de \u00a0 jurisprudencia \u00a0 \u00a0 DERECHOS DE LAS VICTIMAS EN EL PROCESO PENAL-Alcance \u00a0 \u00a0 DERECHOS DE LAS VICTIMAS EN EL PROCESO PENAL-Protecci\u00f3n constitucional \u00a0 \u00a0 La v\u00edctima es de especial consideraci\u00f3n en el conflicto penal, principio que se \u00a0 deriva de las relaciones entre el Derecho Constitucional y el Derecho Penal del \u00a0 Estado Social de Derecho, que promueve una concepci\u00f3n de la pol\u00edtica criminal \u00a0 respetuosa de los derechos fundamentales de todos los sujetos e intervinientes \u00a0 ...<br \/><div class=\"pt-cv-rmwrap\"><a href=\"https:\/\/www.dmsjuridica.com\/buscador_20179478954\/corteconstitucionalcronologico202454587\/t-347-13\/\" class=\"_self pt-cv-readmore btn btn-success\" target=\"_self\">Ver Sentencia Completa...<\/a><\/div><\/div><\/div><\/div>\n<div class=\"col-md-12 col-sm-12 col-xs-12 pt-cv-content-item pt-cv-1-col\" ><div class='pt-cv-ifield'><a href=\"https:\/\/www.dmsjuridica.com\/buscador_20179478954\/corteconstitucionalcronologico202454587\/t-346-13\/\" class=\"_self pt-cv-href-thumbnail pt-cv-thumb-default\" target=\"_self\" ><\/a>\n<div class=\"pt-cv-taxoterm above_title\"><a href='https:\/\/www.dmsjuridica.com\/buscador_20179478954\/corteconstitucionalcronologico202454587\/category\/buscar-en-toda-la-corte\/2013\/tutelas-2013\/' title='Tutelas 2013' class='pt-cv-tax-tutelas-2013'>Tutelas 2013<\/a><\/div>\n<h4 class=\"pt-cv-title\"><a href=\"https:\/\/www.dmsjuridica.com\/buscador_20179478954\/corteconstitucionalcronologico202454587\/t-346-13\/\" class=\"_self\" target=\"_self\" >T-346-13<\/a><\/h4>\n<div class=\"pt-cv-content\">\u00a0 \u00a0 \u00a0 \u00a0 \u00a0 \u00a0T-346-13 \u00a0 \u00a0 \u00a0 \u00a0 \u00a0 \u00a0\u00a0 Sentencia T-346\/13 \u00a0 \u00a0 PROTECCION LABORAL REFORZADA DE MUJER EMBARAZADA Y EN \u00a0 PERIODO DE LACTANCIA-Unificaci\u00f3n de \u00a0 jurisprudencia en sentencia SU070\/13 \u00a0 \u00a0 CONOCIMIENTO DEL EMBARAZO POR PARTE DEL EMPLEADOR-No es requisito para la protecci\u00f3n de la mujer \u00a0 embarazada sino para determinar el grado de protecci\u00f3n \u00a0 \u00a0 MUJER EMBARAZADA EN CONTRATO A TERMINO FIJO-Hip\u00f3tesis f\u00e1cticas de la alternativa laboral de mujer \u00a0 embarazada \u00a0 \u00a0 FUERO DE MATERNIDAD-Permiso del inspector de trabajo para despedir a mujer embarazada o en \u00a0 periodo de lactancia \u00a0 \u00a0 ...<br \/><div class=\"pt-cv-rmwrap\"><a href=\"https:\/\/www.dmsjuridica.com\/buscador_20179478954\/corteconstitucionalcronologico202454587\/t-346-13\/\" class=\"_self pt-cv-readmore btn btn-success\" target=\"_self\">Ver Sentencia Completa...<\/a><\/div><\/div><\/div><\/div>\n<div class=\"col-md-12 col-sm-12 col-xs-12 pt-cv-content-item pt-cv-1-col\" ><div class='pt-cv-ifield'><a href=\"https:\/\/www.dmsjuridica.com\/buscador_20179478954\/corteconstitucionalcronologico202454587\/t-345-13\/\" class=\"_self pt-cv-href-thumbnail pt-cv-thumb-default\" target=\"_self\" ><\/a>\n<div class=\"pt-cv-taxoterm above_title\"><a href='https:\/\/www.dmsjuridica.com\/buscador_20179478954\/corteconstitucionalcronologico202454587\/category\/buscar-en-toda-la-corte\/2013\/tutelas-2013\/' title='Tutelas 2013' class='pt-cv-tax-tutelas-2013'>Tutelas 2013<\/a><\/div>\n<h4 class=\"pt-cv-title\"><a href=\"https:\/\/www.dmsjuridica.com\/buscador_20179478954\/corteconstitucionalcronologico202454587\/t-345-13\/\" class=\"_self\" target=\"_self\" >T-345-13<\/a><\/h4>\n<div class=\"pt-cv-content\">\u00a0 \u00a0 \u00a0 \u00a0 \u00a0 \u00a0T-345-13 \u00a0 \u00a0 \u00a0 \u00a0 \u00a0 \u00a0\u00a0 Sentencia T-345\/13 \u00a0 \u00a0 CONCEPTO CIENTIFICO DEL MEDICO \u00a0 TRATANTE-Es el principal criterio para establecer si se requiere un servicio \u00a0 de salud \u00a0 \u00a0 La Corte ha resaltado que en el Sistema de Salud, quien \u00a0 tiene la competencia para determinar cu\u00e1ndo una persona requiere un \u00a0 procedimiento, tratamiento, o medicamento para promover, proteger o recuperar su \u00a0 salud es, prima facie, el m\u00e9dico tratante, por estar capacitado para decidir con \u00a0 base en criterios cient\u00edficos y por ser quien conoce de primera mano y de manera ...<br \/><div class=\"pt-cv-rmwrap\"><a href=\"https:\/\/www.dmsjuridica.com\/buscador_20179478954\/corteconstitucionalcronologico202454587\/t-345-13\/\" class=\"_self pt-cv-readmore btn btn-success\" target=\"_self\">Ver Sentencia Completa...<\/a><\/div><\/div><\/div><\/div>\n<div class=\"col-md-12 col-sm-12 col-xs-12 pt-cv-content-item pt-cv-1-col\" ><div class='pt-cv-ifield'><a href=\"https:\/\/www.dmsjuridica.com\/buscador_20179478954\/corteconstitucionalcronologico202454587\/t-344-13\/\" class=\"_self pt-cv-href-thumbnail pt-cv-thumb-default\" target=\"_self\" ><\/a>\n<div class=\"pt-cv-taxoterm above_title\"><a href='https:\/\/www.dmsjuridica.com\/buscador_20179478954\/corteconstitucionalcronologico202454587\/category\/buscar-en-toda-la-corte\/2013\/tutelas-2013\/' title='Tutelas 2013' class='pt-cv-tax-tutelas-2013'>Tutelas 2013<\/a><\/div>\n<h4 class=\"pt-cv-title\"><a href=\"https:\/\/www.dmsjuridica.com\/buscador_20179478954\/corteconstitucionalcronologico202454587\/t-344-13\/\" class=\"_self\" target=\"_self\" >T-344-13<\/a><\/h4>\n<div class=\"pt-cv-content\">\u00a0 \u00a0 \u00a0 \u00a0 \u00a0 \u00a0T-344-13 \u00a0 \u00a0 \u00a0 \u00a0 \u00a0 \u00a0\u00a0 Sentencia T-344\/13 \u00a0 \u00a0\u00a0 PRINCIPIO DE INMUNIDAD DE JURISDICCION Y ACCION DE \u00a0 TUTELA CONTRA ORGANISMOS INTERNACIONALES PARA OBTENER LA PROTECCION DEL DERECHO \u00a0 DE PETICION-Procedencia \u00a0 \u00a0 INMUNIDAD RELATIVA DE LOS ESTADOS Y DE LOS AGENTES \u00a0 DIPLOMATICOS EN MATERIA LABORAL \u00a0 \u00a0 DERECHO DE PETICION ANTE MISION DIPLOMATICA DE ESPA\u00d1A \u00a0 EN COLOMBIA-Debe responder solicitud \u00a0 de ciudadano, en virtud de contrato de trabajo \u00a0 \u00a0 Con fundamento en el art\u00edculo 23 de la Constituci\u00f3n, la \u00a0 Corporaci\u00f3n ha sostenido que las misiones o delegaciones de ...<br \/><div class=\"pt-cv-rmwrap\"><a href=\"https:\/\/www.dmsjuridica.com\/buscador_20179478954\/corteconstitucionalcronologico202454587\/t-344-13\/\" class=\"_self pt-cv-readmore btn btn-success\" target=\"_self\">Ver Sentencia Completa...<\/a><\/div><\/div><\/div><\/div>\n<div class=\"col-md-12 col-sm-12 col-xs-12 pt-cv-content-item pt-cv-1-col\" ><div class='pt-cv-ifield'><a href=\"https:\/\/www.dmsjuridica.com\/buscador_20179478954\/corteconstitucionalcronologico202454587\/t-342-13\/\" class=\"_self pt-cv-href-thumbnail pt-cv-thumb-default\" target=\"_self\" ><\/a>\n<div class=\"pt-cv-taxoterm above_title\"><a href='https:\/\/www.dmsjuridica.com\/buscador_20179478954\/corteconstitucionalcronologico202454587\/category\/buscar-en-toda-la-corte\/2013\/tutelas-2013\/' title='Tutelas 2013' class='pt-cv-tax-tutelas-2013'>Tutelas 2013<\/a><\/div>\n<h4 class=\"pt-cv-title\"><a href=\"https:\/\/www.dmsjuridica.com\/buscador_20179478954\/corteconstitucionalcronologico202454587\/t-342-13\/\" class=\"_self\" target=\"_self\" >T-342-13<\/a><\/h4>\n<div class=\"pt-cv-content\">\u00a0 \u00a0 \u00a0 \u00a0 \u00a0 \u00a0T-342-13 \u00a0 \u00a0 \u00a0 \u00a0 \u00a0 \u00a0\u00a0 Sentencia \u00a0 T-342\/13 \u00a0 \u00a0 ACCION DE TUTELA CONTRA EMPRESA PARTICULAR DEL SISTEMA \u00a0 FINANCIERO Y ASEGURADOR-Reiteraci\u00f3n de \u00a0 jurisprudencia sobre su procedencia \u00a0 \u00a0 ACCION DE TUTELA CONTRA PARTICULARES CUANDO EL AFECTADO \u00a0 SE ENCUENTRA EN ESTADO DE INDEFENSION-Frente a entidades particulares del sistema financiero \u00a0 y asegurador \u00a0 \u00a0 La jurisprudencia constitucional, en reiteradas \u00a0 oportunidades, ha analizado el estado de indefensi\u00f3n que puede generarse de la \u00a0 relaci\u00f3n entre los particulares y, de manera destacada, la existente entre \u00e9stos \u00a0 y las entidades del sistema ...<br \/><div class=\"pt-cv-rmwrap\"><a href=\"https:\/\/www.dmsjuridica.com\/buscador_20179478954\/corteconstitucionalcronologico202454587\/t-342-13\/\" class=\"_self pt-cv-readmore btn btn-success\" target=\"_self\">Ver Sentencia Completa...<\/a><\/div><\/div><\/div><\/div>\n<div class=\"col-md-12 col-sm-12 col-xs-12 pt-cv-content-item pt-cv-1-col\" ><div class='pt-cv-ifield'><a href=\"https:\/\/www.dmsjuridica.com\/buscador_20179478954\/corteconstitucionalcronologico202454587\/t-341-13\/\" class=\"_self pt-cv-href-thumbnail pt-cv-thumb-default\" target=\"_self\" ><\/a>\n<div class=\"pt-cv-taxoterm above_title\"><a href='https:\/\/www.dmsjuridica.com\/buscador_20179478954\/corteconstitucionalcronologico202454587\/category\/buscar-en-toda-la-corte\/2013\/tutelas-2013\/' title='Tutelas 2013' class='pt-cv-tax-tutelas-2013'>Tutelas 2013<\/a><\/div>\n<h4 class=\"pt-cv-title\"><a href=\"https:\/\/www.dmsjuridica.com\/buscador_20179478954\/corteconstitucionalcronologico202454587\/t-341-13\/\" class=\"_self\" target=\"_self\" >T-341-13<\/a><\/h4>\n<div class=\"pt-cv-content\">\u00a0 \u00a0 \u00a0 \u00a0 \u00a0 \u00a0T-341-13 \u00a0 \u00a0 \u00a0 \u00a0 \u00a0 \u00a0\u00a0 Sentencia T- 341\/13 \u00a0 \u00a0 SISTEMA DE RIESGOS PROFESIONALES-Finalidad\/SISTEMA DE RIESGOS PROFESIONALES-Prestaciones \u00a0 y derechos asistenciales derivadas de la ocurrencia de accidente de trabajo o \u00a0 del diagn\u00f3stico de enfermedad profesional \u00a0 \u00a0 DETERMINACION DEL ORIGEN DE LA PERDIDA DE CAPACIDAD \u00a0 LABORAL-Constituye trascendental \u00a0 importancia para determinar cu\u00e1l es la entidad responsable de asumir las \u00a0 prestaciones asistenciales y econ\u00f3micas a que tiene derecho el trabajador \u00a0 \u00a0 Para establecer si una persona tiene derecho al \u00a0 reconocimiento de alguna de las prestaciones asistenciales o econ\u00f3micas, se ...<br \/><div class=\"pt-cv-rmwrap\"><a href=\"https:\/\/www.dmsjuridica.com\/buscador_20179478954\/corteconstitucionalcronologico202454587\/t-341-13\/\" class=\"_self pt-cv-readmore btn btn-success\" target=\"_self\">Ver Sentencia Completa...<\/a><\/div><\/div><\/div><\/div>\n<div class=\"col-md-12 col-sm-12 col-xs-12 pt-cv-content-item pt-cv-1-col\" ><div class='pt-cv-ifield'><a href=\"https:\/\/www.dmsjuridica.com\/buscador_20179478954\/corteconstitucionalcronologico202454587\/t-340-13\/\" class=\"_self pt-cv-href-thumbnail pt-cv-thumb-default\" target=\"_self\" ><\/a>\n<div class=\"pt-cv-taxoterm above_title\"><a href='https:\/\/www.dmsjuridica.com\/buscador_20179478954\/corteconstitucionalcronologico202454587\/category\/buscar-en-toda-la-corte\/2013\/tutelas-2013\/' title='Tutelas 2013' class='pt-cv-tax-tutelas-2013'>Tutelas 2013<\/a><\/div>\n<h4 class=\"pt-cv-title\"><a href=\"https:\/\/www.dmsjuridica.com\/buscador_20179478954\/corteconstitucionalcronologico202454587\/t-340-13\/\" class=\"_self\" target=\"_self\" >T-340-13<\/a><\/h4>\n<div class=\"pt-cv-content\">\u00a0 \u00a0 \u00a0 \u00a0 \u00a0 \u00a0T-340-13 \u00a0 \u00a0 \u00a0 \u00a0 \u00a0 \u00a0\u00a0 Sentencia T-340\/13 \u00a0 \u00a0 CARENCIA ACTUAL DE OBJETO POR HECHO SUPERADO-Configuraci\u00f3n \u00a0 \u00a0 La carencia actual de objeto por hecho \u00a0 superado se da cuando entre la interposici\u00f3n de la acci\u00f3n de tutela y el momento \u00a0 del fallo del juez se satisface por completo la pretensi\u00f3n contenida en la \u00a0 demanda de amparo -verbi gratia se ordena la pr\u00e1ctica de la cirug\u00eda cuya \u00a0 realizaci\u00f3n se negaba o se reintegra a la persona despedida sin justa causa-, \u00a0 raz\u00f3n por la cual cualquier orden judicial en tal ...<br \/><div class=\"pt-cv-rmwrap\"><a href=\"https:\/\/www.dmsjuridica.com\/buscador_20179478954\/corteconstitucionalcronologico202454587\/t-340-13\/\" class=\"_self pt-cv-readmore btn btn-success\" target=\"_self\">Ver Sentencia Completa...<\/a><\/div><\/div><\/div><\/div>\n<div class=\"col-md-12 col-sm-12 col-xs-12 pt-cv-content-item pt-cv-1-col\" ><div class='pt-cv-ifield'><a href=\"https:\/\/www.dmsjuridica.com\/buscador_20179478954\/corteconstitucionalcronologico202454587\/t-339-13\/\" class=\"_self pt-cv-href-thumbnail pt-cv-thumb-default\" target=\"_self\" ><\/a>\n<div class=\"pt-cv-taxoterm above_title\"><a href='https:\/\/www.dmsjuridica.com\/buscador_20179478954\/corteconstitucionalcronologico202454587\/category\/buscar-en-toda-la-corte\/2013\/tutelas-2013\/' title='Tutelas 2013' class='pt-cv-tax-tutelas-2013'>Tutelas 2013<\/a><\/div>\n<h4 class=\"pt-cv-title\"><a href=\"https:\/\/www.dmsjuridica.com\/buscador_20179478954\/corteconstitucionalcronologico202454587\/t-339-13\/\" class=\"_self\" target=\"_self\" >T-339-13<\/a><\/h4>\n<div class=\"pt-cv-content\">\u00a0 \u00a0 \u00a0 \u00a0 \u00a0 \u00a0T-339-13 \u00a0 \u00a0 \u00a0 \u00a0 \u00a0 \u00a0\u00a0 Sentencia T-339\/13 \u00a0 \u00a0 JURISPRUDENCIA CONSTITUCIONAL SOBRE LA CARENCIA ACTUAL \u00a0 DE OBJETO-Hecho superado y da\u00f1o \u00a0 consumado \u00a0 \u00a0 La carencia actual de objeto por hecho superado se da \u00a0 cuando entre el momento de la interposici\u00f3n de la acci\u00f3n de tutela y el momento \u00a0 del fallo se satisface por completo la pretensi\u00f3n contenida en la demanda de \u00a0 amparo, verbi gratia se ordena la prestaci\u00f3n del servicio que se negaba, raz\u00f3n \u00a0 por la cual cualquier orden judicial en tal sentido se torna innecesaria. En ...<br \/><div class=\"pt-cv-rmwrap\"><a href=\"https:\/\/www.dmsjuridica.com\/buscador_20179478954\/corteconstitucionalcronologico202454587\/t-339-13\/\" class=\"_self pt-cv-readmore btn btn-success\" target=\"_self\">Ver Sentencia Completa...<\/a><\/div><\/div><\/div><\/div>\n<div class=\"col-md-12 col-sm-12 col-xs-12 pt-cv-content-item pt-cv-1-col\" ><div class='pt-cv-ifield'><a href=\"https:\/\/www.dmsjuridica.com\/buscador_20179478954\/corteconstitucionalcronologico202454587\/t-338-13\/\" class=\"_self pt-cv-href-thumbnail pt-cv-thumb-default\" target=\"_self\" ><\/a>\n<div class=\"pt-cv-taxoterm above_title\"><a href='https:\/\/www.dmsjuridica.com\/buscador_20179478954\/corteconstitucionalcronologico202454587\/category\/buscar-en-toda-la-corte\/2013\/tutelas-2013\/' title='Tutelas 2013' class='pt-cv-tax-tutelas-2013'>Tutelas 2013<\/a><\/div>\n<h4 class=\"pt-cv-title\"><a href=\"https:\/\/www.dmsjuridica.com\/buscador_20179478954\/corteconstitucionalcronologico202454587\/t-338-13\/\" class=\"_self\" target=\"_self\" >T-338-13<\/a><\/h4>\n<div class=\"pt-cv-content\">\u00a0 \u00a0 \u00a0 \u00a0 \u00a0 \u00a0T-338-13 \u00a0 \u00a0 \u00a0 \u00a0 \u00a0 \u00a0\u00a0 Sentencia T-338\/13 \u00a0 \u00a0 ACCION DE \u00a0 TUTELA CONTRA ACTO ADMINISTRATIVO QUE ORDENA TRASLADO DE SERVIDOR PUBLICO-Procedencia \u00a0 excepcional \u00a0 \u00a0 La \u00a0 jurisprudencia ha determinado que es posible la procedencia de la acci\u00f3n de \u00a0 tutela en estos casos, siempre y cuando, se evidencie que las razones del \u00a0 traslado son ostensiblemente arbitrarias (porque no tiene en cuenta la situaci\u00f3n \u00a0 particular del trabajador); el traslado afecta de forma clara, grave y directa \u00a0 los derechos fundamentales de la parte actora y su n\u00facleo familiar; y\/o \u00a0 ...<br \/><div class=\"pt-cv-rmwrap\"><a href=\"https:\/\/www.dmsjuridica.com\/buscador_20179478954\/corteconstitucionalcronologico202454587\/t-338-13\/\" class=\"_self pt-cv-readmore btn btn-success\" target=\"_self\">Ver Sentencia Completa...<\/a><\/div><\/div><\/div><\/div>\n<div class=\"col-md-12 col-sm-12 col-xs-12 pt-cv-content-item pt-cv-1-col\" ><div class='pt-cv-ifield'><a href=\"https:\/\/www.dmsjuridica.com\/buscador_20179478954\/corteconstitucionalcronologico202454587\/t-337-13\/\" class=\"_self pt-cv-href-thumbnail pt-cv-thumb-default\" target=\"_self\" ><\/a>\n<div class=\"pt-cv-taxoterm above_title\"><a href='https:\/\/www.dmsjuridica.com\/buscador_20179478954\/corteconstitucionalcronologico202454587\/category\/buscar-en-toda-la-corte\/2013\/tutelas-2013\/' title='Tutelas 2013' class='pt-cv-tax-tutelas-2013'>Tutelas 2013<\/a><\/div>\n<h4 class=\"pt-cv-title\"><a href=\"https:\/\/www.dmsjuridica.com\/buscador_20179478954\/corteconstitucionalcronologico202454587\/t-337-13\/\" class=\"_self\" target=\"_self\" >T-337-13<\/a><\/h4>\n<div class=\"pt-cv-content\">\u00a0 \u00a0 \u00a0 \u00a0 \u00a0 \u00a0T-337-13 \u00a0 \u00a0 \u00a0 \u00a0 \u00a0 \u00a0\u00a0 Sentencia \u00a0 T-337\/13 \u00a0 \u00a0 PROTECCION CONSTITUCIONAL DEL \u00a0 DERECHO FUNDAMENTAL A LA SALUD-Reiteraci\u00f3n de jurisprudencia \u00a0 \u00a0 Todas las personas pueden acudir a la acci\u00f3n de tutela para lograr la \u00a0 protecci\u00f3n del derecho fundamental a la salud, pues no s\u00f3lo es un derecho \u00a0 aut\u00f3nomo sino que adem\u00e1s comporta el goce de distintos derechos fundamentales, \u00a0 en especial el de la vida y el de la dignidad. Derechos que deben ser \u00a0 garantizados por el Estado Colombiano de acuerdo a los mandatos internacionales, \u00a0 Constitucionales y ...<br \/><div class=\"pt-cv-rmwrap\"><a href=\"https:\/\/www.dmsjuridica.com\/buscador_20179478954\/corteconstitucionalcronologico202454587\/t-337-13\/\" class=\"_self pt-cv-readmore btn btn-success\" target=\"_self\">Ver Sentencia Completa...<\/a><\/div><\/div><\/div><\/div>\n<div class=\"col-md-12 col-sm-12 col-xs-12 pt-cv-content-item pt-cv-1-col\" ><div class='pt-cv-ifield'><a href=\"https:\/\/www.dmsjuridica.com\/buscador_20179478954\/corteconstitucionalcronologico202454587\/t-333-13\/\" class=\"_self pt-cv-href-thumbnail pt-cv-thumb-default\" target=\"_self\" ><\/a>\n<div class=\"pt-cv-taxoterm above_title\"><a href='https:\/\/www.dmsjuridica.com\/buscador_20179478954\/corteconstitucionalcronologico202454587\/category\/buscar-en-toda-la-corte\/2013\/tutelas-2013\/' title='Tutelas 2013' class='pt-cv-tax-tutelas-2013'>Tutelas 2013<\/a><\/div>\n<h4 class=\"pt-cv-title\"><a href=\"https:\/\/www.dmsjuridica.com\/buscador_20179478954\/corteconstitucionalcronologico202454587\/t-333-13\/\" class=\"_self\" target=\"_self\" >T-333-13<\/a><\/h4>\n<div class=\"pt-cv-content\">\u00a0 \u00a0 \u00a0 \u00a0 \u00a0 \u00a0T-333-13 \u00a0 \u00a0 \u00a0 \u00a0 \u00a0 \u00a0\u00a0 Sentencia \u00a0 T-333\/13 \u00a0 \u00a0 Frente al caso de las tutelas impetradas \u00a0 para obtener el pago de incapacidades laborales, debe considerarse un aspecto \u00a0 adicional, relacionado con la importancia que estas representan para quienes se \u00a0 ven obligados a suspender sus actividades laborales por razones de salud y no \u00a0 cuentan con ingresos distintos del salario para satisfacer sus necesidades \u00a0 b\u00e1sicas y las de su familia. Cuando eso ocurre, la falta de pago de la \u00a0 incapacidad m\u00e9dica no representa solamente el desconocimiento de un derecho ...<br \/><div class=\"pt-cv-rmwrap\"><a href=\"https:\/\/www.dmsjuridica.com\/buscador_20179478954\/corteconstitucionalcronologico202454587\/t-333-13\/\" class=\"_self pt-cv-readmore btn btn-success\" target=\"_self\">Ver Sentencia Completa...<\/a><\/div><\/div><\/div><\/div>\n<div class=\"col-md-12 col-sm-12 col-xs-12 pt-cv-content-item pt-cv-1-col\" ><div class='pt-cv-ifield'><a href=\"https:\/\/www.dmsjuridica.com\/buscador_20179478954\/corteconstitucionalcronologico202454587\/t-327-13\/\" class=\"_self pt-cv-href-thumbnail pt-cv-thumb-default\" target=\"_self\" ><\/a>\n<div class=\"pt-cv-taxoterm above_title\"><a href='https:\/\/www.dmsjuridica.com\/buscador_20179478954\/corteconstitucionalcronologico202454587\/category\/buscar-en-toda-la-corte\/2013\/tutelas-2013\/' title='Tutelas 2013' class='pt-cv-tax-tutelas-2013'>Tutelas 2013<\/a><\/div>\n<h4 class=\"pt-cv-title\"><a href=\"https:\/\/www.dmsjuridica.com\/buscador_20179478954\/corteconstitucionalcronologico202454587\/t-327-13\/\" class=\"_self\" target=\"_self\" >T-327-13<\/a><\/h4>\n<div class=\"pt-cv-content\">\u00a0 \u00a0 \u00a0 \u00a0 \u00a0 \u00a0T-327-13 \u00a0 \u00a0 \u00a0 \u00a0 \u00a0 \u00a0\u00a0 Sentencia T-327\/13 \u00a0 \u00a0 ACTUACION TEMERARIA Y COSA JUZGADA EN MATERIA DE \u00a0 TUTELA-Configuraci\u00f3n \u00a0 \u00a0 ACCION DE TUTELA TEMERARIA-Identidad de partes, hechos y pretensiones \u00a0 \u00a0 ACTUACION TEMERARIA EN TUTELA-Presentaci\u00f3n de varias tutelas conlleva al rechazo o \u00a0 decisi\u00f3n desfavorable conforme al art. 38 del Decreto 2591\/91 \u00a0 \u00a0 CALIFICACION DE LA PERDIDA DE CAPACIDAD LABORAL Y \u00a0 ACCESO A LA ADMINISTRACION DE JUSTICIA-Podr\u00eda \u00a0 el accionante pedir pensi\u00f3n de invalidez por la v\u00eda ordinaria, ya que existi\u00f3 \u00a0 temeridad al presentar dos tutelas anteriores por los ...<br \/><div class=\"pt-cv-rmwrap\"><a href=\"https:\/\/www.dmsjuridica.com\/buscador_20179478954\/corteconstitucionalcronologico202454587\/t-327-13\/\" class=\"_self pt-cv-readmore btn btn-success\" target=\"_self\">Ver Sentencia Completa...<\/a><\/div><\/div><\/div><\/div>\n<div class=\"col-md-12 col-sm-12 col-xs-12 pt-cv-content-item pt-cv-1-col\" ><div class='pt-cv-ifield'><a href=\"https:\/\/www.dmsjuridica.com\/buscador_20179478954\/corteconstitucionalcronologico202454587\/t-326-13\/\" class=\"_self pt-cv-href-thumbnail pt-cv-thumb-default\" target=\"_self\" ><\/a>\n<div class=\"pt-cv-taxoterm above_title\"><a href='https:\/\/www.dmsjuridica.com\/buscador_20179478954\/corteconstitucionalcronologico202454587\/category\/buscar-en-toda-la-corte\/2013\/tutelas-2013\/' title='Tutelas 2013' class='pt-cv-tax-tutelas-2013'>Tutelas 2013<\/a><\/div>\n<h4 class=\"pt-cv-title\"><a href=\"https:\/\/www.dmsjuridica.com\/buscador_20179478954\/corteconstitucionalcronologico202454587\/t-326-13\/\" class=\"_self\" target=\"_self\" >T-326-13<\/a><\/h4>\n<div class=\"pt-cv-content\">\u00a0 \u00a0 \u00a0 \u00a0 \u00a0 \u00a0T-326-13 \u00a0 \u00a0 \u00a0 \u00a0 \u00a0 \u00a0\u00a0 Sentencia T-326\/13 \u00a0 \u00a0 ACCION DE TUTELA PARA RECONOCIMIENTO DE PENSION DE \u00a0 SOBREVIVIENTES-Procedencia por cuanto \u00a0 se cumplen requisitos y para evitar perjuicio irremediable \u00a0 \u00a0 El derecho a la seguridad social es un \u00a0 derecho fundamental que supedita su protecci\u00f3n a trav\u00e9s de amparo -transitorio o \u00a0 definitivo- a ciertos requisitos jurisprudenciales. El juez constitucional debe \u00a0 evaluar el cumplimiento de esas condiciones de forma menos estricta cuando se \u00a0 encuentre en presencia de sujetos de especial protecci\u00f3n constitucional.\u00a0\u00a0 \u00a0 \u00a0 PENSION DE SOBREVIVIENTES DE HIJO ...<br \/><div class=\"pt-cv-rmwrap\"><a href=\"https:\/\/www.dmsjuridica.com\/buscador_20179478954\/corteconstitucionalcronologico202454587\/t-326-13\/\" class=\"_self pt-cv-readmore btn btn-success\" target=\"_self\">Ver Sentencia Completa...<\/a><\/div><\/div><\/div><\/div>\n<div class=\"col-md-12 col-sm-12 col-xs-12 pt-cv-content-item pt-cv-1-col\" ><div class='pt-cv-ifield'><a href=\"https:\/\/www.dmsjuridica.com\/buscador_20179478954\/corteconstitucionalcronologico202454587\/t-324-13\/\" class=\"_self pt-cv-href-thumbnail pt-cv-thumb-default\" target=\"_self\" ><\/a>\n<div class=\"pt-cv-taxoterm above_title\"><a href='https:\/\/www.dmsjuridica.com\/buscador_20179478954\/corteconstitucionalcronologico202454587\/category\/buscar-en-toda-la-corte\/2013\/tutelas-2013\/' title='Tutelas 2013' class='pt-cv-tax-tutelas-2013'>Tutelas 2013<\/a><\/div>\n<h4 class=\"pt-cv-title\"><a href=\"https:\/\/www.dmsjuridica.com\/buscador_20179478954\/corteconstitucionalcronologico202454587\/t-324-13\/\" class=\"_self\" target=\"_self\" >T-324-13<\/a><\/h4>\n<div class=\"pt-cv-content\">\u00a0 \u00a0 \u00a0 \u00a0 \u00a0 \u00a0T-324-13 \u00a0 \u00a0 \u00a0 \u00a0 \u00a0 \u00a0\u00a0 Sentencia T-324\/13 \u00a0 \u00a0 ACCION DE TUTELA CONTRA PROVIDENCIAS JUDICIALES-Procedencia excepcional \u00a0 \u00a0 ACCION DE TUTELA CONTRA PROVIDENCIAS JUDICIALES-Requisitos generales y especiales de procedibilidad \u00a0 \u00a0 DEFECTO FACTICO COMO CAUSAL ESPECIAL DE PROCEDIBILIDAD \u00a0 DE LA ACCION DE TUTELA CONTRA PROVIDENCIAS JUDICIALES \u00a0 \u00a0 DEFECTO FACTICO POR OMISION Y POR \u00a0 ACCION \u00a0 \u00a0 Dentro de las conductas que configuran el defecto f\u00e1ctico se encuentran: i) \u00a0 defecto f\u00e1ctico por omisi\u00f3n: cuando el juez se niega a dar por probado un hecho \u00a0 que aparece en el proceso, ...<br \/><div class=\"pt-cv-rmwrap\"><a href=\"https:\/\/www.dmsjuridica.com\/buscador_20179478954\/corteconstitucionalcronologico202454587\/t-324-13\/\" class=\"_self pt-cv-readmore btn btn-success\" target=\"_self\">Ver Sentencia Completa...<\/a><\/div><\/div><\/div><\/div>\n<div class=\"col-md-12 col-sm-12 col-xs-12 pt-cv-content-item pt-cv-1-col\" ><div class='pt-cv-ifield'><a href=\"https:\/\/www.dmsjuridica.com\/buscador_20179478954\/corteconstitucionalcronologico202454587\/t-323-13\/\" class=\"_self pt-cv-href-thumbnail pt-cv-thumb-default\" target=\"_self\" ><\/a>\n<div class=\"pt-cv-taxoterm above_title\"><a href='https:\/\/www.dmsjuridica.com\/buscador_20179478954\/corteconstitucionalcronologico202454587\/category\/buscar-en-toda-la-corte\/2013\/tutelas-2013\/' title='Tutelas 2013' class='pt-cv-tax-tutelas-2013'>Tutelas 2013<\/a><\/div>\n<h4 class=\"pt-cv-title\"><a href=\"https:\/\/www.dmsjuridica.com\/buscador_20179478954\/corteconstitucionalcronologico202454587\/t-323-13\/\" class=\"_self\" target=\"_self\" >T-323-13<\/a><\/h4>\n<div class=\"pt-cv-content\">\u00a0 \u00a0 \u00a0 \u00a0 \u00a0 \u00a0T-323-13 \u00a0 \u00a0 \u00a0 \u00a0 \u00a0 \u00a0\u00a0 Sentencia T-323\/13 \u00a0 \u00a0 DERECHO A LA SALUD COMO DERECHO FUNDAMENTAL AUTONOMO-Reiteraci\u00f3n de jurisprudencia \u00a0 \u00a0 DERECHO A LA SALUD DE PERSONAS DE LA TERCERA EDAD-Fundamental aut\u00f3nomo \u00a0 \u00a0 Le corresponde \u00a0 al Estado garantizar los servicios de seguridad social integral, y por ende el \u00a0 servicio de salud a los adultos mayores, dada la condici\u00f3n de sujetos de \u00a0 especial protecci\u00f3n, por lo tanto, la acci\u00f3n de tutela resulta el instrumento \u00a0 id\u00f3neo para materializar el derecho a la salud de dichas personas. Esta \u00a0 Corporaci\u00f3n ha ...<br \/><div class=\"pt-cv-rmwrap\"><a href=\"https:\/\/www.dmsjuridica.com\/buscador_20179478954\/corteconstitucionalcronologico202454587\/t-323-13\/\" class=\"_self pt-cv-readmore btn btn-success\" target=\"_self\">Ver Sentencia Completa...<\/a><\/div><\/div><\/div><\/div>\n<div class=\"col-md-12 col-sm-12 col-xs-12 pt-cv-content-item pt-cv-1-col\" ><div class='pt-cv-ifield'><a href=\"https:\/\/www.dmsjuridica.com\/buscador_20179478954\/corteconstitucionalcronologico202454587\/t-322-13\/\" class=\"_self pt-cv-href-thumbnail pt-cv-thumb-default\" target=\"_self\" ><\/a>\n<div class=\"pt-cv-taxoterm above_title\"><a href='https:\/\/www.dmsjuridica.com\/buscador_20179478954\/corteconstitucionalcronologico202454587\/category\/buscar-en-toda-la-corte\/2013\/tutelas-2013\/' title='Tutelas 2013' class='pt-cv-tax-tutelas-2013'>Tutelas 2013<\/a><\/div>\n<h4 class=\"pt-cv-title\"><a href=\"https:\/\/www.dmsjuridica.com\/buscador_20179478954\/corteconstitucionalcronologico202454587\/t-322-13\/\" class=\"_self\" target=\"_self\" >T-322-13<\/a><\/h4>\n<div class=\"pt-cv-content\">\u00a0 \u00a0 \u00a0 \u00a0 \u00a0 \u00a0T-322-13 \u00a0 \u00a0 \u00a0 \u00a0 \u00a0 \u00a0\u00a0 Sentencia T-322\/13 \u00a0 \u00a0 ACCION DE TUTELA PARA RECONOCIMIENTO DE PRESTACIONES \u00a0 SOCIALES-Procedencia excepcional \u00a0 \u00a0 ACCION DE TUTELA PARA EL RECONOCIMIENTO DE \u00a0 INDEMNIZACION SUSTITUTIVA DE PENSION DE VEJEZ-Procedencia cuando afecta m\u00ednimo vital y dem\u00e1s derechos \u00a0 de personas de la tercera edad \u00a0 \u00a0 INDEMNIZACION SUSTITUTIVA DE PENSION DE VEJEZ-Caso en que CAJANAL niega la prestaci\u00f3n porque la \u00a0 \u00faltima cotizaci\u00f3n se realiz\u00f3 antes de entrar en vigencia la Ley 100 de 1993 \u00a0 \u00a0 En distintas oportunidades esta Corporaci\u00f3n ha tenido \u00a0 la oportunidad de ...<br \/><div class=\"pt-cv-rmwrap\"><a href=\"https:\/\/www.dmsjuridica.com\/buscador_20179478954\/corteconstitucionalcronologico202454587\/t-322-13\/\" class=\"_self pt-cv-readmore btn btn-success\" target=\"_self\">Ver Sentencia Completa...<\/a><\/div><\/div><\/div><\/div>\n<div class=\"col-md-12 col-sm-12 col-xs-12 pt-cv-content-item pt-cv-1-col\" ><div class='pt-cv-ifield'><a href=\"https:\/\/www.dmsjuridica.com\/buscador_20179478954\/corteconstitucionalcronologico202454587\/t-321-13\/\" class=\"_self pt-cv-href-thumbnail pt-cv-thumb-default\" target=\"_self\" ><\/a>\n<div class=\"pt-cv-taxoterm above_title\"><a href='https:\/\/www.dmsjuridica.com\/buscador_20179478954\/corteconstitucionalcronologico202454587\/category\/buscar-en-toda-la-corte\/2013\/tutelas-2013\/' title='Tutelas 2013' class='pt-cv-tax-tutelas-2013'>Tutelas 2013<\/a><\/div>\n<h4 class=\"pt-cv-title\"><a href=\"https:\/\/www.dmsjuridica.com\/buscador_20179478954\/corteconstitucionalcronologico202454587\/t-321-13\/\" class=\"_self\" target=\"_self\" >T-321-13<\/a><\/h4>\n<div class=\"pt-cv-content\">\u00a0 \u00a0 \u00a0 \u00a0 \u00a0 \u00a0T-321-13 \u00a0 \u00a0 \u00a0 \u00a0 \u00a0 \u00a0\u00a0 Sentencia T-321\/13 \u00a0 \u00a0 ACCION DE TUTELA-Derecho \u00a0 para reclamar ante los jueces la protecci\u00f3n de los derechos fundamentales por \u00a0 acci\u00f3n u omisi\u00f3n de cualquier autoridad p\u00fablica o particulares \u00a0 \u00a0 ACCION DE TUTELA-Improcedencia \u00a0 por cuanto la accionante no acudi\u00f3 directamente a la EPSS a solicitar el \u00a0 cumplimiento de \u00f3rdenes m\u00e9dicas para la atenci\u00f3n a menor \u00a0 \u00a0 Referencia: \u00a0 expedientes T- 3.776.127 \u00a0 \u00a0 Acci\u00f3n de \u00a0 tutela presentada por Brigitte Lizeth Vargas Correa en representaci\u00f3n de su hija \u00a0 Mar\u00eda Jos\u00e9 Vargas Correa, ...<br \/><div class=\"pt-cv-rmwrap\"><a href=\"https:\/\/www.dmsjuridica.com\/buscador_20179478954\/corteconstitucionalcronologico202454587\/t-321-13\/\" class=\"_self pt-cv-readmore btn btn-success\" target=\"_self\">Ver Sentencia Completa...<\/a><\/div><\/div><\/div><\/div>\n<div class=\"col-md-12 col-sm-12 col-xs-12 pt-cv-content-item pt-cv-1-col\" ><div class='pt-cv-ifield'><a href=\"https:\/\/www.dmsjuridica.com\/buscador_20179478954\/corteconstitucionalcronologico202454587\/t-320-13\/\" class=\"_self pt-cv-href-thumbnail pt-cv-thumb-default\" target=\"_self\" ><\/a>\n<div class=\"pt-cv-taxoterm above_title\"><a href='https:\/\/www.dmsjuridica.com\/buscador_20179478954\/corteconstitucionalcronologico202454587\/category\/buscar-en-toda-la-corte\/2013\/tutelas-2013\/' title='Tutelas 2013' class='pt-cv-tax-tutelas-2013'>Tutelas 2013<\/a><\/div>\n<h4 class=\"pt-cv-title\"><a href=\"https:\/\/www.dmsjuridica.com\/buscador_20179478954\/corteconstitucionalcronologico202454587\/t-320-13\/\" class=\"_self\" target=\"_self\" >T-320-13<\/a><\/h4>\n<div class=\"pt-cv-content\">\u00a0 \u00a0 \u00a0 \u00a0 \u00a0 \u00a0T-320-13 \u00a0 \u00a0 \u00a0 \u00a0 \u00a0 \u00a0\u00a0 Sentencia T-320\/13 \u00a0 \u00a0 DERECHO A LA SALUD DE PERSONA DE LA TERCERA EDAD-Vulneraci\u00f3n por no suministro oportuno de medicamentos \u00a0 \u00a0 DERECHO FUNDAMENTAL A LA SALUD DE PERSONA DE LA TERCERA \u00a0 EDAD-Protecci\u00f3n constitucional \u00a0 especial \u00a0 \u00a0 PLAN DE SERVICIOS DE SANIDAD MILITAR Y POLICIAL-Servicios m\u00e9dicos asistenciales \u00a0 \u00a0 USUARIOS DEL SISTEMA DE SEGURIDAD SOCIAL EN SALUD-Tienen derecho a acceder a los servicios de salud que \u00a0 requieran, est\u00e9n o no incluidos en el Pos \u00a0 \u00a0 DERECHO A LA SALUD Y PRINCIPIO DE INTEGRALIDAD-Entrega de ...<br \/><div class=\"pt-cv-rmwrap\"><a href=\"https:\/\/www.dmsjuridica.com\/buscador_20179478954\/corteconstitucionalcronologico202454587\/t-320-13\/\" class=\"_self pt-cv-readmore btn btn-success\" target=\"_self\">Ver Sentencia Completa...<\/a><\/div><\/div><\/div><\/div>\n<div class=\"col-md-12 col-sm-12 col-xs-12 pt-cv-content-item pt-cv-1-col\" ><div class='pt-cv-ifield'><a href=\"https:\/\/www.dmsjuridica.com\/buscador_20179478954\/corteconstitucionalcronologico202454587\/t-317-13\/\" class=\"_self pt-cv-href-thumbnail pt-cv-thumb-default\" target=\"_self\" ><\/a>\n<div class=\"pt-cv-taxoterm above_title\"><a href='https:\/\/www.dmsjuridica.com\/buscador_20179478954\/corteconstitucionalcronologico202454587\/category\/buscar-en-toda-la-corte\/2013\/tutelas-2013\/' title='Tutelas 2013' class='pt-cv-tax-tutelas-2013'>Tutelas 2013<\/a><\/div>\n<h4 class=\"pt-cv-title\"><a href=\"https:\/\/www.dmsjuridica.com\/buscador_20179478954\/corteconstitucionalcronologico202454587\/t-317-13\/\" class=\"_self\" target=\"_self\" >T-317-13<\/a><\/h4>\n<div class=\"pt-cv-content\">\u00a0 \u00a0 \u00a0 \u00a0 \u00a0 \u00a0T-317-13 \u00a0 \u00a0 \u00a0 \u00a0 \u00a0 \u00a0\u00a0 Sentencia T-317\/13 \u00a0 \u00a0 PERSONA JURIDICA-Titularidad de derechos fundamentales que pueden ser \u00a0 protegidos a trav\u00e9s de la acci\u00f3n de tutela\/LEGITIMACION EN LA CAUSA POR \u00a0 ACTIVA EN TUTELA DE PERSONA JURIDICA-Registradur\u00eda si tiene legitimaci\u00f3n por \u00a0 cuanto el derecho que alega es vulneraci\u00f3n del debido proceso \u00a0 \u00a0 Desde sus primeros pronunciamientos esta Corporaci\u00f3n ha \u00a0 sostenido que las personas jur\u00eddicas, a\u00fan las de derecho p\u00fablico, est\u00e1n \u00a0 legitimadas para ejercer la acci\u00f3n de tutela debido a que son titulares de \u00a0 derechos constitucionales fundamentales por dos ...<br \/><div class=\"pt-cv-rmwrap\"><a href=\"https:\/\/www.dmsjuridica.com\/buscador_20179478954\/corteconstitucionalcronologico202454587\/t-317-13\/\" class=\"_self pt-cv-readmore btn btn-success\" target=\"_self\">Ver Sentencia Completa...<\/a><\/div><\/div><\/div><\/div>\n<div class=\"col-md-12 col-sm-12 col-xs-12 pt-cv-content-item pt-cv-1-col\" ><div class='pt-cv-ifield'><a href=\"https:\/\/www.dmsjuridica.com\/buscador_20179478954\/corteconstitucionalcronologico202454587\/t-316a-13\/\" class=\"_self pt-cv-href-thumbnail pt-cv-thumb-default\" target=\"_self\" ><\/a>\n<div class=\"pt-cv-taxoterm above_title\"><a href='https:\/\/www.dmsjuridica.com\/buscador_20179478954\/corteconstitucionalcronologico202454587\/category\/buscar-en-toda-la-corte\/2013\/tutelas-2013\/' title='Tutelas 2013' class='pt-cv-tax-tutelas-2013'>Tutelas 2013<\/a><\/div>\n<h4 class=\"pt-cv-title\"><a href=\"https:\/\/www.dmsjuridica.com\/buscador_20179478954\/corteconstitucionalcronologico202454587\/t-316a-13\/\" class=\"_self\" target=\"_self\" >T-316A-13<\/a><\/h4>\n<div class=\"pt-cv-content\">\u00a0 \u00a0 \u00a0 \u00a0 \u00a0 \u00a0T-316A-13 \u00a0 \u00a0 \u00a0 \u00a0 \u00a0 \u00a0\u00a0 Sentencia T-316A\/13 \u00a0 \u00a0 FUNCION JURISDICCIONAL POR SUPERINTENDENCIA NACIONAL DE \u00a0 SALUD-Improcedencia cuando se trata de \u00a0 proteger derecho a la vida, a la salud y a la vida digna y evitar perjuicio \u00a0 irremediable \u00a0 \u00a0 La Sala observa que, en principio, el procedimiento \u00a0 judicial ante la Superintendencia de Salud es id\u00f3neo y eficaz, por lo cual la \u00a0 acci\u00f3n de tutela no ser\u00eda el mecanismo procedente en estos casos, salvo que se \u00a0 configure un perjuicio irremediable, que se presenta cuando existe el riesgo de ...<br \/><div class=\"pt-cv-rmwrap\"><a href=\"https:\/\/www.dmsjuridica.com\/buscador_20179478954\/corteconstitucionalcronologico202454587\/t-316a-13\/\" class=\"_self pt-cv-readmore btn btn-success\" target=\"_self\">Ver Sentencia Completa...<\/a><\/div><\/div><\/div><\/div>\n<div class=\"col-md-12 col-sm-12 col-xs-12 pt-cv-content-item pt-cv-1-col\" ><div class='pt-cv-ifield'><a href=\"https:\/\/www.dmsjuridica.com\/buscador_20179478954\/corteconstitucionalcronologico202454587\/t-316-13\/\" class=\"_self pt-cv-href-thumbnail pt-cv-thumb-default\" target=\"_self\" ><\/a>\n<div class=\"pt-cv-taxoterm above_title\"><a href='https:\/\/www.dmsjuridica.com\/buscador_20179478954\/corteconstitucionalcronologico202454587\/category\/buscar-en-toda-la-corte\/2013\/tutelas-2013\/' title='Tutelas 2013' class='pt-cv-tax-tutelas-2013'>Tutelas 2013<\/a><\/div>\n<h4 class=\"pt-cv-title\"><a href=\"https:\/\/www.dmsjuridica.com\/buscador_20179478954\/corteconstitucionalcronologico202454587\/t-316-13\/\" class=\"_self\" target=\"_self\" >T-316-13<\/a><\/h4>\n<div class=\"pt-cv-content\">\u00a0 \u00a0 \u00a0 \u00a0 \u00a0 \u00a0T-316-13 \u00a0 \u00a0 \u00a0 \u00a0 \u00a0 \u00a0\u00a0 Sentencia T-316\/13 \u00a0 \u00a0 DERECHO A LA \u00a0 ESTABILIDAD LABORAL REFORZADA DE MADRES CABEZA DE FAMILIA Y PADRES CABEZA DE \u00a0 FAMILIA-Protecci\u00f3n constitucional \u00a0 \u00a0 (i) que se tenga a cargo la responsabilidad de hijos \u00a0 menores o de otras personas incapacitadas para trabajar; (ii) cuya \u00a0 responsabilidad sea de car\u00e1cter permanente; (iii) responsabilidad derivada no \u00a0 s\u00f3lo la ausencia permanente o abandono del hogar por parte de la pareja, sino \u00a0 que aqu\u00e9lla se sustraiga del cumplimiento de sus obligaciones como padre; o (iv) \u00a0 cuya pareja ...<br \/><div class=\"pt-cv-rmwrap\"><a href=\"https:\/\/www.dmsjuridica.com\/buscador_20179478954\/corteconstitucionalcronologico202454587\/t-316-13\/\" class=\"_self pt-cv-readmore btn btn-success\" target=\"_self\">Ver Sentencia Completa...<\/a><\/div><\/div><\/div><\/div>\n<div class=\"col-md-12 col-sm-12 col-xs-12 pt-cv-content-item pt-cv-1-col\" ><div class='pt-cv-ifield'><a href=\"https:\/\/www.dmsjuridica.com\/buscador_20179478954\/corteconstitucionalcronologico202454587\/t-315-13\/\" class=\"_self pt-cv-href-thumbnail pt-cv-thumb-default\" target=\"_self\" ><\/a>\n<div class=\"pt-cv-taxoterm above_title\"><a href='https:\/\/www.dmsjuridica.com\/buscador_20179478954\/corteconstitucionalcronologico202454587\/category\/buscar-en-toda-la-corte\/2013\/tutelas-2013\/' title='Tutelas 2013' class='pt-cv-tax-tutelas-2013'>Tutelas 2013<\/a><\/div>\n<h4 class=\"pt-cv-title\"><a href=\"https:\/\/www.dmsjuridica.com\/buscador_20179478954\/corteconstitucionalcronologico202454587\/t-315-13\/\" class=\"_self\" target=\"_self\" >T-315-13<\/a><\/h4>\n<div class=\"pt-cv-content\">\u00a0 \u00a0 \u00a0 \u00a0 \u00a0 \u00a0T-315-13 \u00a0 \u00a0 \u00a0 \u00a0 \u00a0 \u00a0\u00a0 Sentencia T-315\/13 \u00a0 \u00a0 ACCION DE TUTELA CONTRA PROVIDENCIAS JUDICIALES-Requisitos generales y especiales de procedibilidad \u00a0 \u00a0 La acci\u00f3n de tutela contra providencias judiciales es \u00a0 procedente de manera excepcional, cuando se cumplen los requisitos generales \u00a0 para su\u00a0 procedibilidad y se configura alguna de las causales espec\u00edficas \u00a0 definidas por esta Corporaci\u00f3n. \u00a0 \u00a0 Referencia: expediente T-3.723.842 \u00a0 \u00a0 Acci\u00f3n de tutela instaurada por el municipio de Soacha, Cundinamarca, contra la \u00a0 Secci\u00f3n Primera, Subsecci\u00f3n C, Sala de Descongesti\u00f3n del Tribunal Administrativo \u00a0 de Cundinamarca \u00a0 \u00a0 ...<br \/><div class=\"pt-cv-rmwrap\"><a href=\"https:\/\/www.dmsjuridica.com\/buscador_20179478954\/corteconstitucionalcronologico202454587\/t-315-13\/\" class=\"_self pt-cv-readmore btn btn-success\" target=\"_self\">Ver Sentencia Completa...<\/a><\/div><\/div><\/div><\/div>\n<div class=\"col-md-12 col-sm-12 col-xs-12 pt-cv-content-item pt-cv-1-col\" ><div class='pt-cv-ifield'><a href=\"https:\/\/www.dmsjuridica.com\/buscador_20179478954\/corteconstitucionalcronologico202454587\/t-314-13\/\" class=\"_self pt-cv-href-thumbnail pt-cv-thumb-default\" target=\"_self\" ><\/a>\n<div class=\"pt-cv-taxoterm above_title\"><a href='https:\/\/www.dmsjuridica.com\/buscador_20179478954\/corteconstitucionalcronologico202454587\/category\/buscar-en-toda-la-corte\/2013\/tutelas-2013\/' title='Tutelas 2013' class='pt-cv-tax-tutelas-2013'>Tutelas 2013<\/a><\/div>\n<h4 class=\"pt-cv-title\"><a href=\"https:\/\/www.dmsjuridica.com\/buscador_20179478954\/corteconstitucionalcronologico202454587\/t-314-13\/\" class=\"_self\" target=\"_self\" >T-314-13<\/a><\/h4>\n<div class=\"pt-cv-content\">\u00a0 \u00a0 \u00a0 \u00a0 \u00a0 \u00a0T-314-13 \u00a0 \u00a0 \u00a0 \u00a0 \u00a0 \u00a0\u00a0 Sentencia T-314\/13 \u00a0 \u00a0\u00a0 AGENCIA OFICIOSA EN TUTELA-Madre en representaci\u00f3n de hijo con esquizofrenia \u00a0 \u00a0 Corresponde\u00a0al juez de tutela verificar en cada caso si, \u00a0 en efecto, el titular de los derechos cuya protecci\u00f3n se busca por esta v\u00eda \u00a0 judicial constitucional, no puede ejercer por s\u00ed mismo su defensa, que es lo que \u00a0 ciertamente ocurre en el presente caso, pues el agenciado sufre \u201cesquizofrenia, \u00a0 no especificada\u201d, que hace evidente la imposibilidad del se\u00f1or para demandar \u00a0 directamente el amparo de los derechos fundamentales que ...<br \/><div class=\"pt-cv-rmwrap\"><a href=\"https:\/\/www.dmsjuridica.com\/buscador_20179478954\/corteconstitucionalcronologico202454587\/t-314-13\/\" class=\"_self pt-cv-readmore btn btn-success\" target=\"_self\">Ver Sentencia Completa...<\/a><\/div><\/div><\/div><\/div>\n<div class=\"col-md-12 col-sm-12 col-xs-12 pt-cv-content-item pt-cv-1-col\" ><div class='pt-cv-ifield'><a href=\"https:\/\/www.dmsjuridica.com\/buscador_20179478954\/corteconstitucionalcronologico202454587\/t-312-13\/\" class=\"_self pt-cv-href-thumbnail pt-cv-thumb-default\" target=\"_self\" ><\/a>\n<div class=\"pt-cv-taxoterm above_title\"><a href='https:\/\/www.dmsjuridica.com\/buscador_20179478954\/corteconstitucionalcronologico202454587\/category\/buscar-en-toda-la-corte\/2013\/tutelas-2013\/' title='Tutelas 2013' class='pt-cv-tax-tutelas-2013'>Tutelas 2013<\/a><\/div>\n<h4 class=\"pt-cv-title\"><a href=\"https:\/\/www.dmsjuridica.com\/buscador_20179478954\/corteconstitucionalcronologico202454587\/t-312-13\/\" class=\"_self\" target=\"_self\" >T-312-13<\/a><\/h4>\n<div class=\"pt-cv-content\">\u00a0 \u00a0 \u00a0 \u00a0 \u00a0 \u00a0T-312-13 \u00a0 \u00a0 \u00a0 \u00a0 \u00a0 \u00a0\u00a0 Sentencia T-312\/13 \u00a0 \u00a0 DERECHOS DE \u00a0 LAS VICTIMAS DE DESPLAZAMIENTO FORZADO A LA VERDAD, A LA JUSTICIA, A LA \u00a0 REPARACION Y NO REPETICION-Protecci\u00f3n constitucional \u00a0 \u00a0 En materia de derechos de quienes son \u00a0 v\u00edctimas del desplazamiento forzado, se encuentra que el art\u00edculo 13 de la \u00a0 Constituci\u00f3n consagra que el Estado tiene la obligaci\u00f3n de brindar una especial \u00a0 protecci\u00f3n a quienes se encuentran en circunstancias de debilidad manifiesta, \u00a0 como es el caso de las v\u00edctimas del desplazamiento. As\u00ed, en desarrollo de este \u00a0 ...<br \/><div class=\"pt-cv-rmwrap\"><a href=\"https:\/\/www.dmsjuridica.com\/buscador_20179478954\/corteconstitucionalcronologico202454587\/t-312-13\/\" class=\"_self pt-cv-readmore btn btn-success\" target=\"_self\">Ver Sentencia Completa...<\/a><\/div><\/div><\/div><\/div>\n<div class=\"col-md-12 col-sm-12 col-xs-12 pt-cv-content-item pt-cv-1-col\" ><div class='pt-cv-ifield'><a href=\"https:\/\/www.dmsjuridica.com\/buscador_20179478954\/corteconstitucionalcronologico202454587\/t-311-13\/\" class=\"_self pt-cv-href-thumbnail pt-cv-thumb-default\" target=\"_self\" ><\/a>\n<div class=\"pt-cv-taxoterm above_title\"><a href='https:\/\/www.dmsjuridica.com\/buscador_20179478954\/corteconstitucionalcronologico202454587\/category\/buscar-en-toda-la-corte\/2013\/tutelas-2013\/' title='Tutelas 2013' class='pt-cv-tax-tutelas-2013'>Tutelas 2013<\/a><\/div>\n<h4 class=\"pt-cv-title\"><a href=\"https:\/\/www.dmsjuridica.com\/buscador_20179478954\/corteconstitucionalcronologico202454587\/t-311-13\/\" class=\"_self\" target=\"_self\" >T-311-13<\/a><\/h4>\n<div class=\"pt-cv-content\">\u00a0 \u00a0 \u00a0 \u00a0 \u00a0 \u00a0T-311-13 \u00a0 \u00a0 \u00a0 \u00a0 \u00a0 \u00a0\u00a0 Sentencia T-311\/13 \u00a0 \u00a0 DERECHO DE \u00a0 PETICION DE LAS PERSONAS PRIVADAS DE LA LIBERTAD EN CENTROS PENITENCIARIOS Y \u00a0 CARCELARIOS-Responsabilidad del Estado de garantizar su protecci\u00f3n de manera \u00a0 eficaz \u00a0 \u00a0 La Corte \u00a0 ha sostenido que los reclusos mantienen plena facultad sobre el ejercicio del \u00a0 derecho de petici\u00f3n, de tal manera que en los eventos en que los privados de la \u00a0 libertad formulen solicitudes dirigidas a la autoridad carcelaria del INPEC o en \u00a0 general a la administraci\u00f3n de justicia, deben obtener respuesta ...<br \/><div class=\"pt-cv-rmwrap\"><a href=\"https:\/\/www.dmsjuridica.com\/buscador_20179478954\/corteconstitucionalcronologico202454587\/t-311-13\/\" class=\"_self pt-cv-readmore btn btn-success\" target=\"_self\">Ver Sentencia Completa...<\/a><\/div><\/div><\/div><\/div>\n<div class=\"col-md-12 col-sm-12 col-xs-12 pt-cv-content-item pt-cv-1-col\" ><div class='pt-cv-ifield'><a href=\"https:\/\/www.dmsjuridica.com\/buscador_20179478954\/corteconstitucionalcronologico202454587\/t-310-13\/\" class=\"_self pt-cv-href-thumbnail pt-cv-thumb-default\" target=\"_self\" ><\/a>\n<div class=\"pt-cv-taxoterm above_title\"><a href='https:\/\/www.dmsjuridica.com\/buscador_20179478954\/corteconstitucionalcronologico202454587\/category\/buscar-en-toda-la-corte\/2013\/tutelas-2013\/' title='Tutelas 2013' class='pt-cv-tax-tutelas-2013'>Tutelas 2013<\/a><\/div>\n<h4 class=\"pt-cv-title\"><a href=\"https:\/\/www.dmsjuridica.com\/buscador_20179478954\/corteconstitucionalcronologico202454587\/t-310-13\/\" class=\"_self\" target=\"_self\" >T-310-13<\/a><\/h4>\n<div class=\"pt-cv-content\">\u00a0 \u00a0 \u00a0 \u00a0 \u00a0 \u00a0T-310-13 \u00a0 \u00a0 \u00a0 \u00a0 \u00a0 \u00a0\u00a0 Sentencia \u00a0 T-310\/13 \u00a0 \u00a0 DERECHO A LA SALUD DE NI\u00d1OS Y NI\u00d1AS-Fundamental \u00a0 \u00a0 La Corte \u00a0 Constitucional ha reconocido el car\u00e1cter \u00a0 fundamental que tiene el derecho a la salud en trat\u00e1ndose de sujetos de especial \u00a0 protecci\u00f3n, estos son, los ni\u00f1os, ni\u00f1as y adolescentes, las mujeres embarazadas, \u00a0 las personas pertenecientes a la tercera edad y las personas en condici\u00f3n de \u00a0 discapacidad f\u00edsica o mental. Es por ello que, siendo los menores de edad \u00a0 sujetos de especial protecci\u00f3n\u00a0 constitucional, esta Corte ha afirmado, ...<br \/><div class=\"pt-cv-rmwrap\"><a href=\"https:\/\/www.dmsjuridica.com\/buscador_20179478954\/corteconstitucionalcronologico202454587\/t-310-13\/\" class=\"_self pt-cv-readmore btn btn-success\" target=\"_self\">Ver Sentencia Completa...<\/a><\/div><\/div><\/div><\/div>\n<div class=\"col-md-12 col-sm-12 col-xs-12 pt-cv-content-item pt-cv-1-col\" ><div class='pt-cv-ifield'><a href=\"https:\/\/www.dmsjuridica.com\/buscador_20179478954\/corteconstitucionalcronologico202454587\/t-309a-13\/\" class=\"_self pt-cv-href-thumbnail pt-cv-thumb-default\" target=\"_self\" ><\/a>\n<div class=\"pt-cv-taxoterm above_title\"><a href='https:\/\/www.dmsjuridica.com\/buscador_20179478954\/corteconstitucionalcronologico202454587\/category\/buscar-en-toda-la-corte\/2013\/tutelas-2013\/' title='Tutelas 2013' class='pt-cv-tax-tutelas-2013'>Tutelas 2013<\/a><\/div>\n<h4 class=\"pt-cv-title\"><a href=\"https:\/\/www.dmsjuridica.com\/buscador_20179478954\/corteconstitucionalcronologico202454587\/t-309a-13\/\" class=\"_self\" target=\"_self\" >T-309A-13<\/a><\/h4>\n<div class=\"pt-cv-content\">\u00a0 \u00a0 \u00a0 \u00a0 \u00a0 \u00a0T-309A-13 \u00a0 \u00a0 \u00a0 \u00a0 \u00a0 \u00a0\u00a0 Sentencia T-309A\/13 \u00a0 \u00a0 ACCION DE \u00a0 TUTELA CONTRA COMPA\u00d1IA ASEGURADORA-Procedencia excepcional\/ACCION DE \u00a0 TUTELA CONTRA COMPA\u00d1IA DE SEGUROS-Procedencia por afectaci\u00f3n de derechos \u00a0 fundamentales \u00a0 \u00a0 En cuanto \u00a0 a las compa\u00f1\u00edas de seguros, este tribunal ha recalcado que, si bien las \u00a0 controversias que surjan entre los usuarios y estas deben dirimirse ante la \u00a0 jurisdicci\u00f3n ordinaria atendiendo a su car\u00e1cter contractual, cuando se \u00a0 encuentren evidentemente amenazados derechos fundamentales como la vida, la \u00a0 salud o el m\u00ednimo vital, resulta procedente el amparo constitucional. La ...<br \/><div class=\"pt-cv-rmwrap\"><a href=\"https:\/\/www.dmsjuridica.com\/buscador_20179478954\/corteconstitucionalcronologico202454587\/t-309a-13\/\" class=\"_self pt-cv-readmore btn btn-success\" target=\"_self\">Ver Sentencia Completa...<\/a><\/div><\/div><\/div><\/div>\n<div class=\"col-md-12 col-sm-12 col-xs-12 pt-cv-content-item pt-cv-1-col\" ><div class='pt-cv-ifield'><a href=\"https:\/\/www.dmsjuridica.com\/buscador_20179478954\/corteconstitucionalcronologico202454587\/t-309-13\/\" class=\"_self pt-cv-href-thumbnail pt-cv-thumb-default\" target=\"_self\" ><\/a>\n<div class=\"pt-cv-taxoterm above_title\"><a href='https:\/\/www.dmsjuridica.com\/buscador_20179478954\/corteconstitucionalcronologico202454587\/category\/buscar-en-toda-la-corte\/2013\/tutelas-2013\/' title='Tutelas 2013' class='pt-cv-tax-tutelas-2013'>Tutelas 2013<\/a><\/div>\n<h4 class=\"pt-cv-title\"><a href=\"https:\/\/www.dmsjuridica.com\/buscador_20179478954\/corteconstitucionalcronologico202454587\/t-309-13\/\" class=\"_self\" target=\"_self\" >T-309-13<\/a><\/h4>\n<div class=\"pt-cv-content\">\u00a0 \u00a0 \u00a0 \u00a0 \u00a0 \u00a0T-309-13 \u00a0 \u00a0 \u00a0 \u00a0 \u00a0 \u00a0\u00a0 Sentencia T-309\/13 \u00a0 \u00a0 ACCION DE TUTELA \u00a0 CONTRA PROVIDENCIAS JUDICIALES-Reiteraci\u00f3n de jurisprudencia sobre \u00a0 requisitos generales y especiales de procedibilidad \u00a0 \u00a0 La \u00a0 jurisprudencia ha sido reiterativa en se\u00f1alar que existen unos lineamientos \u00a0 generales de procedencia de la acci\u00f3n, que hacen las veces de presupuestos \u00a0 previos a trav\u00e9s de los cuales se determina la viabilidad del examen \u00a0 constitucional de las providencias. Evacuados dichos elementos, se \u00a0 estableci\u00f3 que adem\u00e1s de los presupuestos generales resulta necesario acreditar \u00a0 la existencia de por lo menos ...<br \/><div class=\"pt-cv-rmwrap\"><a href=\"https:\/\/www.dmsjuridica.com\/buscador_20179478954\/corteconstitucionalcronologico202454587\/t-309-13\/\" class=\"_self pt-cv-readmore btn btn-success\" target=\"_self\">Ver Sentencia Completa...<\/a><\/div><\/div><\/div><\/div>\n<div class=\"col-md-12 col-sm-12 col-xs-12 pt-cv-content-item pt-cv-1-col\" ><div class='pt-cv-ifield'><a href=\"https:\/\/www.dmsjuridica.com\/buscador_20179478954\/corteconstitucionalcronologico202454587\/t-308-13\/\" class=\"_self pt-cv-href-thumbnail pt-cv-thumb-default\" target=\"_self\" ><\/a>\n<div class=\"pt-cv-taxoterm above_title\"><a href='https:\/\/www.dmsjuridica.com\/buscador_20179478954\/corteconstitucionalcronologico202454587\/category\/buscar-en-toda-la-corte\/2013\/tutelas-2013\/' title='Tutelas 2013' class='pt-cv-tax-tutelas-2013'>Tutelas 2013<\/a><\/div>\n<h4 class=\"pt-cv-title\"><a href=\"https:\/\/www.dmsjuridica.com\/buscador_20179478954\/corteconstitucionalcronologico202454587\/t-308-13\/\" class=\"_self\" target=\"_self\" >T-308-13<\/a><\/h4>\n<div class=\"pt-cv-content\">\u00a0 \u00a0 \u00a0 \u00a0 \u00a0 \u00a0T-308-13 \u00a0 \u00a0 \u00a0 \u00a0 \u00a0 \u00a0\u00a0 Sentencia \u00a0 T-308\/13 \u00a0 \u00a0 ACCION DE TUTELA \u00a0 PARA EL RECONOCIMIENTO DE INDEMNIZACION SUSTITUTIVA DE PENSION DE VEJEZ-Procedencia \u00a0 cuando afecta m\u00ednimo vital y dem\u00e1s derechos de personas de la tercera edad \u00a0 \u00a0 De manera \u00a0 excepcional este tribunal ha admitido la viabilidad de la acci\u00f3n, a pesar de \u00a0 existir otro mecanismo de defensa judicial, siempre y cuando se logre evidenciar \u00a0 que los otros medios no son id\u00f3neos ni expeditos para proteger de manera \u00a0 inmediata e integral los derechos fundamentales comprometidos, situaci\u00f3n que ...<br \/><div class=\"pt-cv-rmwrap\"><a href=\"https:\/\/www.dmsjuridica.com\/buscador_20179478954\/corteconstitucionalcronologico202454587\/t-308-13\/\" class=\"_self pt-cv-readmore btn btn-success\" target=\"_self\">Ver Sentencia Completa...<\/a><\/div><\/div><\/div><\/div>\n<div class=\"col-md-12 col-sm-12 col-xs-12 pt-cv-content-item pt-cv-1-col\" ><div class='pt-cv-ifield'><a href=\"https:\/\/www.dmsjuridica.com\/buscador_20179478954\/corteconstitucionalcronologico202454587\/t-302-13\/\" class=\"_self pt-cv-href-thumbnail pt-cv-thumb-default\" target=\"_self\" ><\/a>\n<div class=\"pt-cv-taxoterm above_title\"><a href='https:\/\/www.dmsjuridica.com\/buscador_20179478954\/corteconstitucionalcronologico202454587\/category\/buscar-en-toda-la-corte\/2013\/tutelas-2013\/' title='Tutelas 2013' class='pt-cv-tax-tutelas-2013'>Tutelas 2013<\/a><\/div>\n<h4 class=\"pt-cv-title\"><a href=\"https:\/\/www.dmsjuridica.com\/buscador_20179478954\/corteconstitucionalcronologico202454587\/t-302-13\/\" class=\"_self\" target=\"_self\" >T-302-13<\/a><\/h4>\n<div class=\"pt-cv-content\">\u00a0 \u00a0 \u00a0 \u00a0 \u00a0 \u00a0T-302-13 \u00a0 \u00a0 \u00a0 \u00a0 \u00a0 \u00a0\u00a0 Sentencia T-302\/13 \u00a0 \u00a0 \u00a0(Bogot\u00e1 D.C., mayo 22) \u00a0 \u00a0 DERECHO A LA \u00a0 ESTABILIDAD LABORAL REFORZADA-Procedencia \u00a0 excepcional de la acci\u00f3n de tutela para su protecci\u00f3n cuando el trabajador se \u00a0 encuentra en estado de debilidad manifiesta \u00a0 \u00a0 La \u00a0 jurisprudencia constitucional ha establecido que, en principio,\u00a0 es la \u00a0 jurisdicci\u00f3n ordinaria la v\u00eda adecuada para reclamar el derecho a la estabilidad \u00a0 laboral reforzada de las personas en condici\u00f3n de discapacidad, a menos que se \u00a0 trate de evitar un perjuicio irremediable frente a lo ...<br \/><div class=\"pt-cv-rmwrap\"><a href=\"https:\/\/www.dmsjuridica.com\/buscador_20179478954\/corteconstitucionalcronologico202454587\/t-302-13\/\" class=\"_self pt-cv-readmore btn btn-success\" target=\"_self\">Ver Sentencia Completa...<\/a><\/div><\/div><\/div><\/div>\n<div class=\"col-md-12 col-sm-12 col-xs-12 pt-cv-content-item pt-cv-1-col\" ><div class='pt-cv-ifield'><a href=\"https:\/\/www.dmsjuridica.com\/buscador_20179478954\/corteconstitucionalcronologico202454587\/t-301-13\/\" class=\"_self pt-cv-href-thumbnail pt-cv-thumb-default\" target=\"_self\" ><\/a>\n<div class=\"pt-cv-taxoterm above_title\"><a href='https:\/\/www.dmsjuridica.com\/buscador_20179478954\/corteconstitucionalcronologico202454587\/category\/buscar-en-toda-la-corte\/2013\/tutelas-2013\/' title='Tutelas 2013' class='pt-cv-tax-tutelas-2013'>Tutelas 2013<\/a><\/div>\n<h4 class=\"pt-cv-title\"><a href=\"https:\/\/www.dmsjuridica.com\/buscador_20179478954\/corteconstitucionalcronologico202454587\/t-301-13\/\" class=\"_self\" target=\"_self\" >T-301-13<\/a><\/h4>\n<div class=\"pt-cv-content\">\u00a0 \u00a0 \u00a0 \u00a0 \u00a0 \u00a0T-301-13 \u00a0 \u00a0 \u00a0 \u00a0 \u00a0 \u00a0\u00a0 \u00a0(Bogot\u00e1 D.C., Mayo 22) \u00a0 \u00a0 ACCION DE \u00a0 TUTELA CONTRA PROVIDENCIAS JUDICIALES-Requisitos \u00a0 generales y especiales de procedibilidad \u00a0 \u00a0 ACCION DE TUTELA CONTRA SENTENCIA DE TUTELA-Improcedencia por haber operado el fen\u00f3meno de la cosa juzgada \u00a0 constitucional \u00a0 \u00a0 La \u00a0 jurisprudencia constitucional no admite la procedencia de la acci\u00f3n de tutela \u00a0 contra sentencias de tutela que han hecho tr\u00e1nsito a cosa juzgada \u00a0 constitucional, pues como se mencion\u00f3 anteriormente, los posibles errores y \u00a0 arbitrariedades de los jueces que conozcan de acciones de tutela, ...<br \/><div class=\"pt-cv-rmwrap\"><a href=\"https:\/\/www.dmsjuridica.com\/buscador_20179478954\/corteconstitucionalcronologico202454587\/t-301-13\/\" class=\"_self pt-cv-readmore btn btn-success\" target=\"_self\">Ver Sentencia Completa...<\/a><\/div><\/div><\/div><\/div>\n<div class=\"col-md-12 col-sm-12 col-xs-12 pt-cv-content-item pt-cv-1-col\" ><div class='pt-cv-ifield'><a href=\"https:\/\/www.dmsjuridica.com\/buscador_20179478954\/corteconstitucionalcronologico202454587\/t-300-13\/\" class=\"_self pt-cv-href-thumbnail pt-cv-thumb-default\" target=\"_self\" ><\/a>\n<div class=\"pt-cv-taxoterm above_title\"><a href='https:\/\/www.dmsjuridica.com\/buscador_20179478954\/corteconstitucionalcronologico202454587\/category\/buscar-en-toda-la-corte\/2013\/tutelas-2013\/' title='Tutelas 2013' class='pt-cv-tax-tutelas-2013'>Tutelas 2013<\/a><\/div>\n<h4 class=\"pt-cv-title\"><a href=\"https:\/\/www.dmsjuridica.com\/buscador_20179478954\/corteconstitucionalcronologico202454587\/t-300-13\/\" class=\"_self\" target=\"_self\" >T-300-13<\/a><\/h4>\n<div class=\"pt-cv-content\">\u00a0 \u00a0 \u00a0 \u00a0 \u00a0 \u00a0T-300-13 \u00a0 \u00a0 \u00a0 \u00a0 \u00a0 \u00a0\u00a0 Sentencia T-300\/13 \u00a0 \u00a0 (Bogot\u00e1, D.C., \u00a0 mayo 22) \u00a0 \u00a0 DERECHOS A LA PARTICIPACION, \u00a0 LIBRE DETERMINACION Y CONSULTA PREVIA DE COMUNIDAD AFRODESCENDIENTE-Caso en \u00a0 que se solicita suspender erradicaci\u00f3n de palmas africanas afectadas por la \u00a0 pudrici\u00f3n del cogollo con el m\u00e9todo de confinado por inyecci\u00f3n \u00a0 \u00a0 DERECHO DE TODOS A PARTICIPAR EN \u00a0 LAS DECISIONES QUE LOS AFECTAN-Protecci\u00f3n constitucional \u00a0 \u00a0 COMUNIDAD INDIGENA-Derecho a \u00a0 participar en las decisiones que las afecten\/DERECHO DE PARTICIPACION DE \u00a0 COMUNIDAD INDIGENA Y TRIBAL-Reconocimiento en convenio internacional \u00a0 ...<br \/><div class=\"pt-cv-rmwrap\"><a href=\"https:\/\/www.dmsjuridica.com\/buscador_20179478954\/corteconstitucionalcronologico202454587\/t-300-13\/\" class=\"_self pt-cv-readmore btn btn-success\" target=\"_self\">Ver Sentencia Completa...<\/a><\/div><\/div><\/div><\/div>\n<div class=\"col-md-12 col-sm-12 col-xs-12 pt-cv-content-item pt-cv-1-col\" ><div class='pt-cv-ifield'><a href=\"https:\/\/www.dmsjuridica.com\/buscador_20179478954\/corteconstitucionalcronologico202454587\/t-299-13\/\" class=\"_self pt-cv-href-thumbnail pt-cv-thumb-default\" target=\"_self\" ><\/a>\n<div class=\"pt-cv-taxoterm above_title\"><a href='https:\/\/www.dmsjuridica.com\/buscador_20179478954\/corteconstitucionalcronologico202454587\/category\/buscar-en-toda-la-corte\/2013\/tutelas-2013\/' title='Tutelas 2013' class='pt-cv-tax-tutelas-2013'>Tutelas 2013<\/a><\/div>\n<h4 class=\"pt-cv-title\"><a href=\"https:\/\/www.dmsjuridica.com\/buscador_20179478954\/corteconstitucionalcronologico202454587\/t-299-13\/\" class=\"_self\" target=\"_self\" >T-299-13<\/a><\/h4>\n<div class=\"pt-cv-content\">\u00a0 \u00a0 \u00a0 \u00a0 \u00a0 \u00a0T-299-13 \u00a0 \u00a0 \u00a0 \u00a0 \u00a0 \u00a0\u00a0 Sentencia T-299\/13 \u00a0 \u00a0 \u00a0(Bogot\u00e1, D.C., \u00a0 mayo 22) \u00a0 \u00a0 DERECHO FUNDAMENTAL A LA \u00a0 VIVIENDA DIGNA DE POBLACION DESPLAZADA-Procedencia de la acci\u00f3n de tutela \u00a0 \u00a0 DERECHO A LA VIVIENDA DIGNA DE \u00a0 POBLACION DESPLAZADA-Obligaciones correlativas de las autoridades p\u00fablicas \u00a0 para la asignaci\u00f3n del subsidio familiar de vivienda \u00a0 \u00a0 SUBSIDIO FAMILIAR DE VIVIENDA-Evoluci\u00f3n \u00a0 de su normatividad\/SUBSIDIO FAMILIAR DE VIVIENDA-Finalidad \u00a0 \u00a0 DERECHO FUNDAMENTAL A LA \u00a0 VIVIENDA DIGNA DE POBLACION DESPLAZADA-Garant\u00eda a trav\u00e9s de subsidio \u00a0 familiar de vivienda de inter\u00e9s social a ...<br \/><div class=\"pt-cv-rmwrap\"><a href=\"https:\/\/www.dmsjuridica.com\/buscador_20179478954\/corteconstitucionalcronologico202454587\/t-299-13\/\" class=\"_self pt-cv-readmore btn btn-success\" target=\"_self\">Ver Sentencia Completa...<\/a><\/div><\/div><\/div><\/div>\n<div class=\"col-md-12 col-sm-12 col-xs-12 pt-cv-content-item pt-cv-1-col\" ><div class='pt-cv-ifield'><a href=\"https:\/\/www.dmsjuridica.com\/buscador_20179478954\/corteconstitucionalcronologico202454587\/t-298-13\/\" class=\"_self pt-cv-href-thumbnail pt-cv-thumb-default\" target=\"_self\" ><\/a>\n<div class=\"pt-cv-taxoterm above_title\"><a href='https:\/\/www.dmsjuridica.com\/buscador_20179478954\/corteconstitucionalcronologico202454587\/category\/buscar-en-toda-la-corte\/2013\/tutelas-2013\/' title='Tutelas 2013' class='pt-cv-tax-tutelas-2013'>Tutelas 2013<\/a><\/div>\n<h4 class=\"pt-cv-title\"><a href=\"https:\/\/www.dmsjuridica.com\/buscador_20179478954\/corteconstitucionalcronologico202454587\/t-298-13\/\" class=\"_self\" target=\"_self\" >T-298-13<\/a><\/h4>\n<div class=\"pt-cv-content\">\u00a0 \u00a0 \u00a0 \u00a0 \u00a0 \u00a0T-298-13 \u00a0 \u00a0 \u00a0 \u00a0 \u00a0 \u00a0\u00a0 Sentencia T-298\/13 \u00a0 \u00a0 (Bogot\u00e1 D.C., Mayo \u00a0 22) \u00a0 \u00a0 DERECHO A LA SALUD DE NI\u00d1OS Y \u00a0 NI\u00d1AS-Fundamental aut\u00f3nomo \u00a0 \u00a0 TRATAMIENTO MEDICO-Juez solo \u00a0 puede ordenar lo indicado por el m\u00e9dico tratante \u00a0 \u00a0 Esta Corporaci\u00f3n ha sostenido de manera reiterada, que los \u00a0 jueces de tutela no son competentes para ordenar tratamientos m\u00e9dicos no \u00a0 prescritos por el m\u00e9dico tratante del paciente, resaltado que \u201cla intervenci\u00f3n del juez no est\u00e1 dirigida a \u00a0 sustituir los criterios y conocimientos del m\u00e9dico por los criterios y ...<br \/><div class=\"pt-cv-rmwrap\"><a href=\"https:\/\/www.dmsjuridica.com\/buscador_20179478954\/corteconstitucionalcronologico202454587\/t-298-13\/\" class=\"_self pt-cv-readmore btn btn-success\" target=\"_self\">Ver Sentencia Completa...<\/a><\/div><\/div><\/div><\/div>\n<div class=\"col-md-12 col-sm-12 col-xs-12 pt-cv-content-item pt-cv-1-col\" ><div class='pt-cv-ifield'><a href=\"https:\/\/www.dmsjuridica.com\/buscador_20179478954\/corteconstitucionalcronologico202454587\/t-297-13\/\" class=\"_self pt-cv-href-thumbnail pt-cv-thumb-default\" target=\"_self\" ><\/a>\n<div class=\"pt-cv-taxoterm above_title\"><a href='https:\/\/www.dmsjuridica.com\/buscador_20179478954\/corteconstitucionalcronologico202454587\/category\/buscar-en-toda-la-corte\/2013\/tutelas-2013\/' title='Tutelas 2013' class='pt-cv-tax-tutelas-2013'>Tutelas 2013<\/a><\/div>\n<h4 class=\"pt-cv-title\"><a href=\"https:\/\/www.dmsjuridica.com\/buscador_20179478954\/corteconstitucionalcronologico202454587\/t-297-13\/\" class=\"_self\" target=\"_self\" >T-297-13<\/a><\/h4>\n<div class=\"pt-cv-content\">\u00a0 \u00a0 \u00a0 \u00a0 \u00a0 \u00a0T-297-13 \u00a0 \u00a0 \u00a0 \u00a0 \u00a0 \u00a0\u00a0 Sentencia T-297\/13 \u00a0 \u00a0 \u00a0(Bogot\u00e1, D.C., Mayo 22) \u00a0 \u00a0 IGUALDAD EN LA \u00a0 CONSTITUCION Y PROHIBICION DE DISCRIMINACION-Reiteraci\u00f3n \u00a0 de jurisprudencia \u00a0 \u00a0 FORMAS DE \u00a0 DISCRIMINACION-Directa e indirecta\/PRINCIPIO DE \u00a0 IGUALDAD-Doctrina constitucional de \u201ccategor\u00edas sospechosas\u201d \u00a0 \u00a0 La \u00a0 discriminaci\u00f3n puede ser directa o indirecta. La indirecta ocurre, cuando de \u00a0 tratamientos formalmente no discriminatorios, se derivan consecuencias f\u00e1cticas \u00a0 desiguales para algunas personas, que lesionan sus derechos o limitan el goce \u00a0 efectivo de los mismos. En tales casos, medidas neutrales que en principio no ...<br \/><div class=\"pt-cv-rmwrap\"><a href=\"https:\/\/www.dmsjuridica.com\/buscador_20179478954\/corteconstitucionalcronologico202454587\/t-297-13\/\" class=\"_self pt-cv-readmore btn btn-success\" target=\"_self\">Ver Sentencia Completa...<\/a><\/div><\/div><\/div><\/div>\n<div class=\"col-md-12 col-sm-12 col-xs-12 pt-cv-content-item pt-cv-1-col\" ><div class='pt-cv-ifield'><a href=\"https:\/\/www.dmsjuridica.com\/buscador_20179478954\/corteconstitucionalcronologico202454587\/t-296-13\/\" class=\"_self pt-cv-href-thumbnail pt-cv-thumb-default\" target=\"_self\" ><\/a>\n<div class=\"pt-cv-taxoterm above_title\"><a href='https:\/\/www.dmsjuridica.com\/buscador_20179478954\/corteconstitucionalcronologico202454587\/category\/buscar-en-toda-la-corte\/2013\/tutelas-2013\/' title='Tutelas 2013' class='pt-cv-tax-tutelas-2013'>Tutelas 2013<\/a><\/div>\n<h4 class=\"pt-cv-title\"><a href=\"https:\/\/www.dmsjuridica.com\/buscador_20179478954\/corteconstitucionalcronologico202454587\/t-296-13\/\" class=\"_self\" target=\"_self\" >T-296-13<\/a><\/h4>\n<div class=\"pt-cv-content\">\u00a0 \u00a0 \u00a0 \u00a0 \u00a0 \u00a0T-296-13 \u00a0 \u00a0 \u00a0 \u00a0 \u00a0 \u00a0\u00a0 NOTA DE \u00a0 RELATORIA: \u00a0Mediante auto 060 de fecha 2 de marzo de \u00a0 2015, el cual se anexa en la parte final de esta providencia, la Corte ejerce \u00a0 competencia para adoptar decisiones relativas a la aclaraci\u00f3n del sentido de las \u00a0 \u00f3rdenes dispuestas en la sentencia T-296\/13, as\u00ed como para tomar determinaciones \u00a0 dirigidas al correcto cumplimiento del objeto de la misma \u00a0 \u00a0 (Bogot\u00e1, D.C., 22 de mayo) \u00a0 \u00a0 ESPECTACULO TAURINO-Definici\u00f3n \u00a0 y modalidades legales\/ESPECTACULO TAURINO-Regulaci\u00f3n legal, seg\u00fan ley 916 \u00a0 de 2004 \u00a0 ...<br \/><div class=\"pt-cv-rmwrap\"><a href=\"https:\/\/www.dmsjuridica.com\/buscador_20179478954\/corteconstitucionalcronologico202454587\/t-296-13\/\" class=\"_self pt-cv-readmore btn btn-success\" target=\"_self\">Ver Sentencia Completa...<\/a><\/div><\/div><\/div><\/div>\n<div class=\"col-md-12 col-sm-12 col-xs-12 pt-cv-content-item pt-cv-1-col\" ><div class='pt-cv-ifield'><a href=\"https:\/\/www.dmsjuridica.com\/buscador_20179478954\/corteconstitucionalcronologico202454587\/t-295-13\/\" class=\"_self pt-cv-href-thumbnail pt-cv-thumb-default\" target=\"_self\" ><\/a>\n<div class=\"pt-cv-taxoterm above_title\"><a href='https:\/\/www.dmsjuridica.com\/buscador_20179478954\/corteconstitucionalcronologico202454587\/category\/buscar-en-toda-la-corte\/2013\/tutelas-2013\/' title='Tutelas 2013' class='pt-cv-tax-tutelas-2013'>Tutelas 2013<\/a><\/div>\n<h4 class=\"pt-cv-title\"><a href=\"https:\/\/www.dmsjuridica.com\/buscador_20179478954\/corteconstitucionalcronologico202454587\/t-295-13\/\" class=\"_self\" target=\"_self\" >T-295-13<\/a><\/h4>\n<div class=\"pt-cv-content\">\u00a0 \u00a0 \u00a0 \u00a0 \u00a0 \u00a0T-295-13 \u00a0 \u00a0 \u00a0 \u00a0 \u00a0 \u00a0\u00a0 Sentencia T-295\/13 \u00a0 \u00a0 ACCION DE TUTELA DE PERSONAS AFECTADAS POR DESASTRES NATURALES-Procedencia para \u00a0 proteger m\u00ednimo vital afectado por el no pago del subsidio otorgado por el \u00a0 Gobierno a damnificados de ola invernal \u00a0 \u00a0 PREVENCION Y ATENCION DE DESASTRES-Marco normativo internacional y nacional\/ESTANDARES \u00a0 INTERNACIONALES PARA LA PREVENCION Y ATENCION DE DESASTRES \u00a0 \u00a0 A nivel \u00a0 internacional existen documentos que fijan est\u00e1ndares para la prevenci\u00f3n y \u00a0 atenci\u00f3n de desastres que han sido emanados del seno de la ONU, estos son, la \u00a0 \u201cEstrategia ...<br \/><div class=\"pt-cv-rmwrap\"><a href=\"https:\/\/www.dmsjuridica.com\/buscador_20179478954\/corteconstitucionalcronologico202454587\/t-295-13\/\" class=\"_self pt-cv-readmore btn btn-success\" target=\"_self\">Ver Sentencia Completa...<\/a><\/div><\/div><\/div><\/div>\n<div class=\"col-md-12 col-sm-12 col-xs-12 pt-cv-content-item pt-cv-1-col\" ><div class='pt-cv-ifield'><a href=\"https:\/\/www.dmsjuridica.com\/buscador_20179478954\/corteconstitucionalcronologico202454587\/t-294-13\/\" class=\"_self pt-cv-href-thumbnail pt-cv-thumb-default\" target=\"_self\" ><\/a>\n<div class=\"pt-cv-taxoterm above_title\"><a href='https:\/\/www.dmsjuridica.com\/buscador_20179478954\/corteconstitucionalcronologico202454587\/category\/buscar-en-toda-la-corte\/2013\/tutelas-2013\/' title='Tutelas 2013' class='pt-cv-tax-tutelas-2013'>Tutelas 2013<\/a><\/div>\n<h4 class=\"pt-cv-title\"><a href=\"https:\/\/www.dmsjuridica.com\/buscador_20179478954\/corteconstitucionalcronologico202454587\/t-294-13\/\" class=\"_self\" target=\"_self\" >T-294-13<\/a><\/h4>\n<div class=\"pt-cv-content\">\u00a0 \u00a0 \u00a0 \u00a0 \u00a0 \u00a0T-294-13 \u00a0 \u00a0 \u00a0 \u00a0 \u00a0 \u00a0\u00a0 EDAD DE RETIRO FORZOSO COMO \u00a0 CAUSAL DE DESVINCULACION DE DOCENTES AL SERVICIO DEL ESTADO \u00a0 \u00a0 PERJUICIO IRREMEDIABLE FRENTE A \u00a0 SUJETOS DE ESPECIAL PROTECCION-Valoraci\u00f3n del juez constitucional \u00a0 \u00a0 La Corte ha establecido que, \u00a0 all\u00ed donde en principio existen otros mecanismos de defensa judicial, debe \u00a0 verificarse la existencia de un perjuicio irremediable como condici\u00f3n que \u00a0 habilita la intervenci\u00f3n del juez constitucional. Asimismo, ha establecido que \u00a0 la valoraci\u00f3n del perjuicio irremediable debe ser sensible a la condici\u00f3n de \u00a0 sujetos de especial protecci\u00f3n ...<br \/><div class=\"pt-cv-rmwrap\"><a href=\"https:\/\/www.dmsjuridica.com\/buscador_20179478954\/corteconstitucionalcronologico202454587\/t-294-13\/\" class=\"_self pt-cv-readmore btn btn-success\" target=\"_self\">Ver Sentencia Completa...<\/a><\/div><\/div><\/div><\/div>\n<div class=\"col-md-12 col-sm-12 col-xs-12 pt-cv-content-item pt-cv-1-col\" ><div class='pt-cv-ifield'><a href=\"https:\/\/www.dmsjuridica.com\/buscador_20179478954\/corteconstitucionalcronologico202454587\/t-293-13\/\" class=\"_self pt-cv-href-thumbnail pt-cv-thumb-default\" target=\"_self\" ><\/a>\n<div class=\"pt-cv-taxoterm above_title\"><a href='https:\/\/www.dmsjuridica.com\/buscador_20179478954\/corteconstitucionalcronologico202454587\/category\/buscar-en-toda-la-corte\/2013\/tutelas-2013\/' title='Tutelas 2013' class='pt-cv-tax-tutelas-2013'>Tutelas 2013<\/a><\/div>\n<h4 class=\"pt-cv-title\"><a href=\"https:\/\/www.dmsjuridica.com\/buscador_20179478954\/corteconstitucionalcronologico202454587\/t-293-13\/\" class=\"_self\" target=\"_self\" >T-293-13<\/a><\/h4>\n<div class=\"pt-cv-content\">\u00a0 \u00a0 \u00a0 \u00a0 \u00a0 \u00a0T-293-13 \u00a0 \u00a0 \u00a0 \u00a0 \u00a0 \u00a0\u00a0 Sentencia T-293\/13 \u00a0 \u00a0 LEGITIMACION POR ACTIVA EN TUTELA DE AGENTES DEL \u00a0 MINISTERIO PUBLICO-El art\u00edculo 277 de \u00a0 la Constituci\u00f3n faculta a la Procuradur\u00eda competencia para intervenir en \u00a0 cualquier proceso\/LEGITIMACION POR ACTIVA EN TUTELA DE LA PROCURADURIA-Procedencia \u00a0 para la protecci\u00f3n del inter\u00e9s general, del patrimonio p\u00fablico y de los \u00a0 intereses de la sociedad \u00a0 \u00a0 La Constituci\u00f3n no s\u00f3lo otorg\u00f3 \u00a0 a la Procuradur\u00eda General de la Naci\u00f3n un ampl\u00edsimo conjunto de competencias, \u00a0 sino tambi\u00e9n la posibilidad de ejercerlas a trav\u00e9s de la ...<br \/><div class=\"pt-cv-rmwrap\"><a href=\"https:\/\/www.dmsjuridica.com\/buscador_20179478954\/corteconstitucionalcronologico202454587\/t-293-13\/\" class=\"_self pt-cv-readmore btn btn-success\" target=\"_self\">Ver Sentencia Completa...<\/a><\/div><\/div><\/div><\/div>\n<div class=\"col-md-12 col-sm-12 col-xs-12 pt-cv-content-item pt-cv-1-col\" ><div class='pt-cv-ifield'><a href=\"https:\/\/www.dmsjuridica.com\/buscador_20179478954\/corteconstitucionalcronologico202454587\/t-292-13\/\" class=\"_self pt-cv-href-thumbnail pt-cv-thumb-default\" target=\"_self\" ><\/a>\n<div class=\"pt-cv-taxoterm above_title\"><a href='https:\/\/www.dmsjuridica.com\/buscador_20179478954\/corteconstitucionalcronologico202454587\/category\/buscar-en-toda-la-corte\/2013\/tutelas-2013\/' title='Tutelas 2013' class='pt-cv-tax-tutelas-2013'>Tutelas 2013<\/a><\/div>\n<h4 class=\"pt-cv-title\"><a href=\"https:\/\/www.dmsjuridica.com\/buscador_20179478954\/corteconstitucionalcronologico202454587\/t-292-13\/\" class=\"_self\" target=\"_self\" >T-292-13<\/a><\/h4>\n<div class=\"pt-cv-content\">\u00a0 \u00a0 \u00a0 \u00a0 \u00a0 \u00a0T-292-13 \u00a0 \u00a0 \u00a0 \u00a0 \u00a0 \u00a0\u00a0 Sentencia T-292\/13 \u00a0 \u00a0 DEBERES \u00a0 SOCIALES DEL ESTADO-Protecci\u00f3n frente a v\u00edctimas de desastres naturales \u00a0 \u00a0 Colombia es \u00a0 un Estado social de derecho, fundado en la dignidad humana, el trabajo, la \u00a0 solidaridad y en la prevalencia del inter\u00e9s general sobre el particular, estando \u00a0 sus autoridades instituidas para proteger a todos los residentes en el \u00a0 territorio nacional en su vida y dem\u00e1s derechos y libertades, y para asegurar el \u00a0 cumplimiento de los deberes sociales del Estado y de los particulares. Dentro de \u00a0 ...<br \/><div class=\"pt-cv-rmwrap\"><a href=\"https:\/\/www.dmsjuridica.com\/buscador_20179478954\/corteconstitucionalcronologico202454587\/t-292-13\/\" class=\"_self pt-cv-readmore btn btn-success\" target=\"_self\">Ver Sentencia Completa...<\/a><\/div><\/div><\/div><\/div>\n<div class=\"col-md-12 col-sm-12 col-xs-12 pt-cv-content-item pt-cv-1-col\" ><div class='pt-cv-ifield'><a href=\"https:\/\/www.dmsjuridica.com\/buscador_20179478954\/corteconstitucionalcronologico202454587\/t-291-13\/\" class=\"_self pt-cv-href-thumbnail pt-cv-thumb-default\" target=\"_self\" ><\/a>\n<div class=\"pt-cv-taxoterm above_title\"><a href='https:\/\/www.dmsjuridica.com\/buscador_20179478954\/corteconstitucionalcronologico202454587\/category\/buscar-en-toda-la-corte\/2013\/tutelas-2013\/' title='Tutelas 2013' class='pt-cv-tax-tutelas-2013'>Tutelas 2013<\/a><\/div>\n<h4 class=\"pt-cv-title\"><a href=\"https:\/\/www.dmsjuridica.com\/buscador_20179478954\/corteconstitucionalcronologico202454587\/t-291-13\/\" class=\"_self\" target=\"_self\" >T-291-13<\/a><\/h4>\n<div class=\"pt-cv-content\">\u00a0 \u00a0 \u00a0 \u00a0 \u00a0 \u00a0T-291-13 \u00a0 \u00a0 \u00a0 \u00a0 \u00a0 \u00a0\u00a0 Sentencia T-291\/13 \u00a0 \u00a0 ACCION DE TUTELA CONTRA PROVIDENCIAS JUDICIALES DE LA \u00a0 SUPERINTENDENCIA DE SOCIEDADES-Procedencia \u00a0 debe analizarse bajo las mismas reglas aplicables a la acci\u00f3n de tutela contra \u00a0 providencias judiciales \u00a0 \u00a0 ACCION DE TUTELA CONTRA PROVIDENCIAS JUDICIALES-En la sentencia C-590\/05 la Corte Constitucional \u00a0 sistematiz\u00f3 y unific\u00f3 los requisitos de procedencia y motivos de procedibilidad \u00a0 \u00a0 ACCION DE TUTELA CONTRA PROVIDENCIAS JUDICIALES DE LA \u00a0 SUPERINTENDENCIA DE SOCIEDADES CUANDO ADELANTA PROCESOS CONCURSALES-Improcedencia por cuanto las pretensiones son de \u00a0 contenido econ\u00f3mico \u00a0 \u00a0 ...<br \/><div class=\"pt-cv-rmwrap\"><a href=\"https:\/\/www.dmsjuridica.com\/buscador_20179478954\/corteconstitucionalcronologico202454587\/t-291-13\/\" class=\"_self pt-cv-readmore btn btn-success\" target=\"_self\">Ver Sentencia Completa...<\/a><\/div><\/div><\/div><\/div>\n<div class=\"col-md-12 col-sm-12 col-xs-12 pt-cv-content-item pt-cv-1-col\" ><div class='pt-cv-ifield'><a href=\"https:\/\/www.dmsjuridica.com\/buscador_20179478954\/corteconstitucionalcronologico202454587\/t-290-13\/\" class=\"_self pt-cv-href-thumbnail pt-cv-thumb-default\" target=\"_self\" ><\/a>\n<div class=\"pt-cv-taxoterm above_title\"><a href='https:\/\/www.dmsjuridica.com\/buscador_20179478954\/corteconstitucionalcronologico202454587\/category\/buscar-en-toda-la-corte\/2013\/tutelas-2013\/' title='Tutelas 2013' class='pt-cv-tax-tutelas-2013'>Tutelas 2013<\/a><\/div>\n<h4 class=\"pt-cv-title\"><a href=\"https:\/\/www.dmsjuridica.com\/buscador_20179478954\/corteconstitucionalcronologico202454587\/t-290-13\/\" class=\"_self\" target=\"_self\" >T-290-13<\/a><\/h4>\n<div class=\"pt-cv-content\">\u00a0 \u00a0 \u00a0 \u00a0 \u00a0 \u00a0T-290-13 \u00a0 \u00a0 \u00a0 \u00a0 \u00a0 \u00a0\u00a0 Sentencia T-290\/13 \u00a0 \u00a0 CARENCIA ACTUAL DE OBJETO POR HECHO SUPERADO-Caso en que se \u00a0 solicitaba a la Nueva EPS practicar en forma oportuna test de inteligencia en \u00a0 proceso de familia para obtener la custodia de su hija \u00a0 \u00a0 Referencia: \u00a0 expediente T- 3698885 \u00a0 \u00a0 Acci\u00f3n de tutela instaurada por Aurora Vargas Cuy contra la \u00a0 NUEVA EPS. \u00a0 \u00a0 Magistrado Ponente: \u00a0 \u00a0 LUIS ERNESTO \u00a0 VARGAS SILVA \u00a0 \u00a0 Bogot\u00e1, D.C., veinte (20) de \u00a0 mayo de dos mil trece (2013) \u00a0 \u00a0 ...<br \/><div class=\"pt-cv-rmwrap\"><a href=\"https:\/\/www.dmsjuridica.com\/buscador_20179478954\/corteconstitucionalcronologico202454587\/t-290-13\/\" class=\"_self pt-cv-readmore btn btn-success\" target=\"_self\">Ver Sentencia Completa...<\/a><\/div><\/div><\/div><\/div>\n<div class=\"col-md-12 col-sm-12 col-xs-12 pt-cv-content-item pt-cv-1-col\" ><div class='pt-cv-ifield'><a href=\"https:\/\/www.dmsjuridica.com\/buscador_20179478954\/corteconstitucionalcronologico202454587\/t-289-13\/\" class=\"_self pt-cv-href-thumbnail pt-cv-thumb-default\" target=\"_self\" ><\/a>\n<div class=\"pt-cv-taxoterm above_title\"><a href='https:\/\/www.dmsjuridica.com\/buscador_20179478954\/corteconstitucionalcronologico202454587\/category\/buscar-en-toda-la-corte\/2013\/tutelas-2013\/' title='Tutelas 2013' class='pt-cv-tax-tutelas-2013'>Tutelas 2013<\/a><\/div>\n<h4 class=\"pt-cv-title\"><a href=\"https:\/\/www.dmsjuridica.com\/buscador_20179478954\/corteconstitucionalcronologico202454587\/t-289-13\/\" class=\"_self\" target=\"_self\" >T-289-13<\/a><\/h4>\n<div class=\"pt-cv-content\">\u00a0 \u00a0 \u00a0 \u00a0 \u00a0 \u00a0T-289-13 \u00a0 \u00a0 \u00a0 \u00a0 \u00a0 \u00a0\u00a0 Sentencia T-289\/13 \u00a0 \u00a0 DERECHO A LA SALUD DE NI\u00d1OS, NI\u00d1AS Y ADOLESCENTES-Fundamental \u00a0 y prevalente \u00a0 \u00a0 DERECHO A LA SALUD DE NI\u00d1OS Y NI\u00d1AS-Instrumentos \u00a0 internacionales de protecci\u00f3n \u00a0 \u00a0 DERECHO A LA SALUD DE NI\u00d1OS, NI\u00d1AS Y ADOLESCENTES-Salud \u00a0 integral \u00a0 \u00a0 ACCESO A SERVICIOS MEDICOS NO CONTEMPLADOS EN EL PLAN \u00a0 OBLIGATORIO DE SALUD-Presupuestos \u00a0 jurisprudenciales \u00a0 \u00a0 DERECHO A LA SALUD Y PRINCIPIO DE INTEGRALIDAD EN LA \u00a0 PRESTACION DEL SERVICIO-Vulneraci\u00f3n \u00a0 cuando se niegan medicamentos excluidos del POS \u00a0 \u00a0 PRINCIPIO DE ...<br \/><div class=\"pt-cv-rmwrap\"><a href=\"https:\/\/www.dmsjuridica.com\/buscador_20179478954\/corteconstitucionalcronologico202454587\/t-289-13\/\" class=\"_self pt-cv-readmore btn btn-success\" target=\"_self\">Ver Sentencia Completa...<\/a><\/div><\/div><\/div><\/div>\n<div class=\"col-md-12 col-sm-12 col-xs-12 pt-cv-content-item pt-cv-1-col\" ><div class='pt-cv-ifield'><a href=\"https:\/\/www.dmsjuridica.com\/buscador_20179478954\/corteconstitucionalcronologico202454587\/t-288-13\/\" class=\"_self pt-cv-href-thumbnail pt-cv-thumb-default\" target=\"_self\" ><\/a>\n<div class=\"pt-cv-taxoterm above_title\"><a href='https:\/\/www.dmsjuridica.com\/buscador_20179478954\/corteconstitucionalcronologico202454587\/category\/buscar-en-toda-la-corte\/2013\/tutelas-2013\/' title='Tutelas 2013' class='pt-cv-tax-tutelas-2013'>Tutelas 2013<\/a><\/div>\n<h4 class=\"pt-cv-title\"><a href=\"https:\/\/www.dmsjuridica.com\/buscador_20179478954\/corteconstitucionalcronologico202454587\/t-288-13\/\" class=\"_self\" target=\"_self\" >T-288-13<\/a><\/h4>\n<div class=\"pt-cv-content\">\u00a0 \u00a0 \u00a0 \u00a0 \u00a0 \u00a0T-288-13 \u00a0 \u00a0 \u00a0 \u00a0 \u00a0 \u00a0\u00a0 NOTA DE RELATORIA: \u00a0 Mediante auto 588 de fecha 30 de noviembre de 2016, el cual se anexa en la parte \u00a0 final, la Sala Plena de la Corporaci\u00f3n decide declarar la nulidad de la presente \u00a0 providencia, por desconocimiento del precedente jurisprudencial en relaci\u00f3n con \u00a0 el principio Kompetenz-Kompetenz.\u00a0 \u00a0 \u00a0 Sentencia \u00a0 T-288\/13 \u00a0 \u00a0 REGLAS DE COMPETENCIA EN MATERIA DE TUTELA-Establecidas solamente en el art\u00edculo 86 \u00a0 Superior y en el art\u00edculo 37 del Decreto 2591 de 1991 \u00a0 \u00a0 DECRETO REGLAMENTARIO DE COMPETENCIA PARA ...<br \/><div class=\"pt-cv-rmwrap\"><a href=\"https:\/\/www.dmsjuridica.com\/buscador_20179478954\/corteconstitucionalcronologico202454587\/t-288-13\/\" class=\"_self pt-cv-readmore btn btn-success\" target=\"_self\">Ver Sentencia Completa...<\/a><\/div><\/div><\/div><\/div>\n<div class=\"col-md-12 col-sm-12 col-xs-12 pt-cv-content-item pt-cv-1-col\" ><div class='pt-cv-ifield'><a href=\"https:\/\/www.dmsjuridica.com\/buscador_20179478954\/corteconstitucionalcronologico202454587\/t-287-13\/\" class=\"_self pt-cv-href-thumbnail pt-cv-thumb-default\" target=\"_self\" ><\/a>\n<div class=\"pt-cv-taxoterm above_title\"><a href='https:\/\/www.dmsjuridica.com\/buscador_20179478954\/corteconstitucionalcronologico202454587\/category\/buscar-en-toda-la-corte\/2013\/tutelas-2013\/' title='Tutelas 2013' class='pt-cv-tax-tutelas-2013'>Tutelas 2013<\/a><\/div>\n<h4 class=\"pt-cv-title\"><a href=\"https:\/\/www.dmsjuridica.com\/buscador_20179478954\/corteconstitucionalcronologico202454587\/t-287-13\/\" class=\"_self\" target=\"_self\" >T-287-13<\/a><\/h4>\n<div class=\"pt-cv-content\">\u00a0 \u00a0 \u00a0 \u00a0 \u00a0 \u00a0T-287-13 \u00a0 \u00a0 \u00a0 \u00a0 \u00a0 \u00a0\u00a0 Sentencia T-287\/13 \u00a0 \u00a0 ACCION DE TUTELA CONTRA COLDEPORTES-Caso en que los accionantes que \u00a0 se encuentran en situaci\u00f3n de discapacidad, se inscribieron para participar en \u00a0 los Juegos Paral\u00edmpicos Nacionales y debido a que no se inscribieron m\u00ednimo tres \u00a0 participantes, no se les permiti\u00f3 la participaci\u00f3n \u00a0 \u00a0 CARENCIA ACTUAL DE OBJETO POR DA\u00d1O CONSUMADO-Configuraci\u00f3n \u00a0 \u00a0 CARENCIA ACTUAL DE OBJETO POR DA\u00d1O CONSUMADO-No impide a la Corte \u00a0 Constitucional pronunciamiento de fondo sobre la existencia de una violaci\u00f3n de \u00a0 derechos fundamentales y futuras violaciones ...<br \/><div class=\"pt-cv-rmwrap\"><a href=\"https:\/\/www.dmsjuridica.com\/buscador_20179478954\/corteconstitucionalcronologico202454587\/t-287-13\/\" class=\"_self pt-cv-readmore btn btn-success\" target=\"_self\">Ver Sentencia Completa...<\/a><\/div><\/div><\/div><\/div>\n<div class=\"col-md-12 col-sm-12 col-xs-12 pt-cv-content-item pt-cv-1-col\" ><div class='pt-cv-ifield'><a href=\"https:\/\/www.dmsjuridica.com\/buscador_20179478954\/corteconstitucionalcronologico202454587\/t-286-13\/\" class=\"_self pt-cv-href-thumbnail pt-cv-thumb-default\" target=\"_self\" ><\/a>\n<div class=\"pt-cv-taxoterm above_title\"><a href='https:\/\/www.dmsjuridica.com\/buscador_20179478954\/corteconstitucionalcronologico202454587\/category\/buscar-en-toda-la-corte\/2013\/tutelas-2013\/' title='Tutelas 2013' class='pt-cv-tax-tutelas-2013'>Tutelas 2013<\/a><\/div>\n<h4 class=\"pt-cv-title\"><a href=\"https:\/\/www.dmsjuridica.com\/buscador_20179478954\/corteconstitucionalcronologico202454587\/t-286-13\/\" class=\"_self\" target=\"_self\" >T-286-13<\/a><\/h4>\n<div class=\"pt-cv-content\">\u00a0 \u00a0 \u00a0 \u00a0 \u00a0 \u00a0T-286-13 \u00a0 \u00a0 \u00a0 \u00a0 \u00a0 \u00a0\u00a0 Sentencia T-286\/13 \u00a0 \u00a0 DERECHO AL \u00a0 DEBIDO PROCESO ADMINISTRATIVO-Concepto \u00a0 \u00a0 Este \u00a0 tribunal ha definido el debido proceso administrativo como (i) un conjunto \u00a0 complejo de condiciones que le impone la ley a la administraci\u00f3n, materializado \u00a0 en el cumplimiento de una secuencia de actos por parte de la autoridad \u00a0 administrativa, (ii) que guarda relaci\u00f3n directa o indirecta entre s\u00ed, y (iii) \u00a0 cuyo fin est\u00e1 previamente determinado de manera constitucional y legal. Se ha \u00a0 precisado tambi\u00e9n que con esta garant\u00eda se busca (i) ...<br \/><div class=\"pt-cv-rmwrap\"><a href=\"https:\/\/www.dmsjuridica.com\/buscador_20179478954\/corteconstitucionalcronologico202454587\/t-286-13\/\" class=\"_self pt-cv-readmore btn btn-success\" target=\"_self\">Ver Sentencia Completa...<\/a><\/div><\/div><\/div><\/div>\n<div class=\"col-md-12 col-sm-12 col-xs-12 pt-cv-content-item pt-cv-1-col\" ><div class='pt-cv-ifield'><a href=\"https:\/\/www.dmsjuridica.com\/buscador_20179478954\/corteconstitucionalcronologico202454587\/t-285-13\/\" class=\"_self pt-cv-href-thumbnail pt-cv-thumb-default\" target=\"_self\" ><\/a>\n<div class=\"pt-cv-taxoterm above_title\"><a href='https:\/\/www.dmsjuridica.com\/buscador_20179478954\/corteconstitucionalcronologico202454587\/category\/buscar-en-toda-la-corte\/2013\/tutelas-2013\/' title='Tutelas 2013' class='pt-cv-tax-tutelas-2013'>Tutelas 2013<\/a><\/div>\n<h4 class=\"pt-cv-title\"><a href=\"https:\/\/www.dmsjuridica.com\/buscador_20179478954\/corteconstitucionalcronologico202454587\/t-285-13\/\" class=\"_self\" target=\"_self\" >T-285-13<\/a><\/h4>\n<div class=\"pt-cv-content\">\u00a0 \u00a0 \u00a0 \u00a0 \u00a0 \u00a0T-285-13 \u00a0 \u00a0 \u00a0 \u00a0 \u00a0 \u00a0\u00a0 Sentencia \u00a0 T-285\/13 \u00a0 \u00a0 DERECHOS \u00a0 FUNDAMENTALES DE PERSONA JURIDICA-Doctrina constitucional \u00a0 \u00a0 LEGITIMACION EN \u00a0 LA CAUSA POR ACTIVA EN TUTELA DE PERSONA JURIDICA-Contralor\u00eda \u00a0 General est\u00e1 facultada para interponer acci\u00f3n de tutela \u00a0 \u00a0 La Contralor\u00eda \u00a0 General de la Rep\u00fablica est\u00e1 facultada para interponer la presente acci\u00f3n de \u00a0 tutela, teniendo en cuenta que est\u00e1 alegando la protecci\u00f3n a su derecho \u00a0 fundamental al debido proceso, reconocido por la jurisprudencia de esta \u00a0 Corporaci\u00f3n como uno de los derechos susceptibles de ser reclamados por ...<br \/><div class=\"pt-cv-rmwrap\"><a href=\"https:\/\/www.dmsjuridica.com\/buscador_20179478954\/corteconstitucionalcronologico202454587\/t-285-13\/\" class=\"_self pt-cv-readmore btn btn-success\" target=\"_self\">Ver Sentencia Completa...<\/a><\/div><\/div><\/div><\/div>\n<div class=\"col-md-12 col-sm-12 col-xs-12 pt-cv-content-item pt-cv-1-col\" ><div class='pt-cv-ifield'><a href=\"https:\/\/www.dmsjuridica.com\/buscador_20179478954\/corteconstitucionalcronologico202454587\/t-284-13\/\" class=\"_self pt-cv-href-thumbnail pt-cv-thumb-default\" target=\"_self\" ><\/a>\n<div class=\"pt-cv-taxoterm above_title\"><a href='https:\/\/www.dmsjuridica.com\/buscador_20179478954\/corteconstitucionalcronologico202454587\/category\/buscar-en-toda-la-corte\/2013\/tutelas-2013\/' title='Tutelas 2013' class='pt-cv-tax-tutelas-2013'>Tutelas 2013<\/a><\/div>\n<h4 class=\"pt-cv-title\"><a href=\"https:\/\/www.dmsjuridica.com\/buscador_20179478954\/corteconstitucionalcronologico202454587\/t-284-13\/\" class=\"_self\" target=\"_self\" >T-284-13<\/a><\/h4>\n<div class=\"pt-cv-content\">\u00a0 \u00a0 \u00a0 \u00a0 \u00a0 \u00a0T-284-13 \u00a0 \u00a0 \u00a0 \u00a0 \u00a0 \u00a0\u00a0 Sentencia \u00a0 T-284\/13 \u00a0 \u00a0 ACCION DE TUTELA CONTRA PROVIDENCIAS JUDICIALES-Requisitos generales y especiales de procedibilidad \u00a0 \u00a0 El defecto sustantivo se presenta \u00a0 cuando un juez (i) aplica al caso una disposici\u00f3n que perdi\u00f3 vigencia por \u00a0 cualquiera de las razones previstas en la normativa, por ejemplo, su \u00a0 inexequibilidad; (ii) aplica un precepto manifiestamente inaplicable al caso; \u00a0 (iii) a pesar del amplio margen hermen\u00e9utico que la Constituci\u00f3n le reconoce, \u00a0 realiza un interpretaci\u00f3n contraevidente \u2013 interpretaci\u00f3n contra legem- o \u00a0 claramente irrazonable o desproporcionada; (iv) ...<br \/><div class=\"pt-cv-rmwrap\"><a href=\"https:\/\/www.dmsjuridica.com\/buscador_20179478954\/corteconstitucionalcronologico202454587\/t-284-13\/\" class=\"_self pt-cv-readmore btn btn-success\" target=\"_self\">Ver Sentencia Completa...<\/a><\/div><\/div><\/div><\/div>\n<div class=\"col-md-12 col-sm-12 col-xs-12 pt-cv-content-item pt-cv-1-col\" ><div class='pt-cv-ifield'><a href=\"https:\/\/www.dmsjuridica.com\/buscador_20179478954\/corteconstitucionalcronologico202454587\/t-283-13\/\" class=\"_self pt-cv-href-thumbnail pt-cv-thumb-default\" target=\"_self\" ><\/a>\n<div class=\"pt-cv-taxoterm above_title\"><a href='https:\/\/www.dmsjuridica.com\/buscador_20179478954\/corteconstitucionalcronologico202454587\/category\/buscar-en-toda-la-corte\/2013\/tutelas-2013\/' title='Tutelas 2013' class='pt-cv-tax-tutelas-2013'>Tutelas 2013<\/a><\/div>\n<h4 class=\"pt-cv-title\"><a href=\"https:\/\/www.dmsjuridica.com\/buscador_20179478954\/corteconstitucionalcronologico202454587\/t-283-13\/\" class=\"_self\" target=\"_self\" >T-283-13<\/a><\/h4>\n<div class=\"pt-cv-content\">\u00a0 \u00a0 \u00a0 \u00a0 \u00a0 \u00a0T-283-13 \u00a0 \u00a0 \u00a0 \u00a0 \u00a0 \u00a0\u00a0 Sentencia T-283\/13 \u00a0 \u00a0 ACCION DE TUTELA CONTRA PROVIDENCIAS JUDICIALES-Evoluci\u00f3n jurisprudencial \u00a0 \u00a0 ACCION DE TUTELA CONTRA PROVIDENCIAS JUDICIALES-Requisitos generales y especiales de procedibilidad \u00a0 \u00a0 DERECHO FUNDAMENTAL DE ACCESO A LA ADMINISTRACION DE \u00a0 JUSTICIA-Garant\u00eda \u00a0 \u00a0 DERECHO DE ACCESO A LA ADMINISTRACION DE JUSTICIA-Concepto \u00a0 y contenido \u00a0 \u00a0 El derecho a la administraci\u00f3n de justicia ha sido \u00a0 definido por la jurisprudencia constitucional como la posibilidad reconocida a \u00a0 todas las personas residentes en Colombia de poder acudir en condiciones de \u00a0 igualdad ante los ...<br \/><div class=\"pt-cv-rmwrap\"><a href=\"https:\/\/www.dmsjuridica.com\/buscador_20179478954\/corteconstitucionalcronologico202454587\/t-283-13\/\" class=\"_self pt-cv-readmore btn btn-success\" target=\"_self\">Ver Sentencia Completa...<\/a><\/div><\/div><\/div><\/div>\n<div class=\"col-md-12 col-sm-12 col-xs-12 pt-cv-content-item pt-cv-1-col\" ><div class='pt-cv-ifield'><a href=\"https:\/\/www.dmsjuridica.com\/buscador_20179478954\/corteconstitucionalcronologico202454587\/t-278-13\/\" class=\"_self pt-cv-href-thumbnail pt-cv-thumb-default\" target=\"_self\" ><\/a>\n<div class=\"pt-cv-taxoterm above_title\"><a href='https:\/\/www.dmsjuridica.com\/buscador_20179478954\/corteconstitucionalcronologico202454587\/category\/buscar-en-toda-la-corte\/2013\/tutelas-2013\/' title='Tutelas 2013' class='pt-cv-tax-tutelas-2013'>Tutelas 2013<\/a><\/div>\n<h4 class=\"pt-cv-title\"><a href=\"https:\/\/www.dmsjuridica.com\/buscador_20179478954\/corteconstitucionalcronologico202454587\/t-278-13\/\" class=\"_self\" target=\"_self\" >T-278-13<\/a><\/h4>\n<div class=\"pt-cv-content\">\u00a0 \u00a0 \u00a0 \u00a0 \u00a0 \u00a0T-278-13 \u00a0 \u00a0 \u00a0 \u00a0 \u00a0 \u00a0\u00a0 Sentencia T-278\/13 \u00a0 \u00a0 \u00a0 (Bogot\u00e1 D.C., mayo \u00a0 14) \u00a0 \u00a0 FAMILIA EN LA CONSTITUCION POLITICA VIGENTE-Protecci\u00f3n \u00a0 \u00a0 La familia que se origina en relaciones monog\u00e1micas o \u00a0 en v\u00ednculos afectivos de otra \u00edndole, con\u00a0 vocaci\u00f3n de permanencia y \u00a0 fundada en el afecto, la solidaridad y la intenci\u00f3n de ayuda y socorro mutuo, es \u00a0 especialmente protegida por la Constituci\u00f3n y por m\u00faltiples tratados ratificados \u00a0 por Colombia incorporados en nuestro derecho interno, siendo contrario al \u00a0 ordenamiento jur\u00eddico reconocer ciertos derechos o privilegios especiales ...<br \/><div class=\"pt-cv-rmwrap\"><a href=\"https:\/\/www.dmsjuridica.com\/buscador_20179478954\/corteconstitucionalcronologico202454587\/t-278-13\/\" class=\"_self pt-cv-readmore btn btn-success\" target=\"_self\">Ver Sentencia Completa...<\/a><\/div><\/div><\/div><\/div>\n<div class=\"col-md-12 col-sm-12 col-xs-12 pt-cv-content-item pt-cv-1-col\" ><div class='pt-cv-ifield'><a href=\"https:\/\/www.dmsjuridica.com\/buscador_20179478954\/corteconstitucionalcronologico202454587\/t-277-13\/\" class=\"_self pt-cv-href-thumbnail pt-cv-thumb-default\" target=\"_self\" ><\/a>\n<div class=\"pt-cv-taxoterm above_title\"><a href='https:\/\/www.dmsjuridica.com\/buscador_20179478954\/corteconstitucionalcronologico202454587\/category\/buscar-en-toda-la-corte\/2013\/tutelas-2013\/' title='Tutelas 2013' class='pt-cv-tax-tutelas-2013'>Tutelas 2013<\/a><\/div>\n<h4 class=\"pt-cv-title\"><a href=\"https:\/\/www.dmsjuridica.com\/buscador_20179478954\/corteconstitucionalcronologico202454587\/t-277-13\/\" class=\"_self\" target=\"_self\" >T-277-13<\/a><\/h4>\n<div class=\"pt-cv-content\">\u00a0 \u00a0 \u00a0 \u00a0 \u00a0 \u00a0T-277-13 \u00a0 \u00a0 \u00a0 \u00a0 \u00a0 \u00a0\u00a0 Sentencia T-277\/13 \u00a0 \u00a0 \u00a0(Bogot\u00e1 D.C., mayo 14) \u00a0 \u00a0 PRINCIPIO DE \u00a0 INMEDIATEZ-Caso en que no se encuentra justificaci\u00f3n \u00a0 de la inactividad del accionante en proceso disciplinario \u00a0 \u00a0 En cuanto al requisito de inmediatez, a\u00fan \u00a0 considerando, en gracia de discusi\u00f3n, puesto que no es as\u00ed, que en el asunto \u00a0 bajo examen se cumpliera con el requisito de subsidiariedad, los fallos \u00a0 disciplinarios atacados por el accionante, por la presunta vulneraci\u00f3n a su \u00a0 derecho fundamental al debido proceso \u201cal impedir[le] aportar y practicar ...<br \/><div class=\"pt-cv-rmwrap\"><a href=\"https:\/\/www.dmsjuridica.com\/buscador_20179478954\/corteconstitucionalcronologico202454587\/t-277-13\/\" class=\"_self pt-cv-readmore btn btn-success\" target=\"_self\">Ver Sentencia Completa...<\/a><\/div><\/div><\/div><\/div>\n<div class=\"col-md-12 col-sm-12 col-xs-12 pt-cv-content-item pt-cv-1-col\" ><div class='pt-cv-ifield'><a href=\"https:\/\/www.dmsjuridica.com\/buscador_20179478954\/corteconstitucionalcronologico202454587\/t-275-13\/\" class=\"_self pt-cv-href-thumbnail pt-cv-thumb-default\" target=\"_self\" ><\/a>\n<div class=\"pt-cv-taxoterm above_title\"><a href='https:\/\/www.dmsjuridica.com\/buscador_20179478954\/corteconstitucionalcronologico202454587\/category\/buscar-en-toda-la-corte\/2013\/tutelas-2013\/' title='Tutelas 2013' class='pt-cv-tax-tutelas-2013'>Tutelas 2013<\/a><\/div>\n<h4 class=\"pt-cv-title\"><a href=\"https:\/\/www.dmsjuridica.com\/buscador_20179478954\/corteconstitucionalcronologico202454587\/t-275-13\/\" class=\"_self\" target=\"_self\" >T-275-13<\/a><\/h4>\n<div class=\"pt-cv-content\">\u00a0 \u00a0 \u00a0 \u00a0 \u00a0 \u00a0T-275-13 \u00a0 \u00a0 \u00a0 \u00a0 \u00a0 \u00a0\u00a0 Sentencia T-275\/13 \u00a0 \u00a0 (Bogot\u00e1, D.C., mayo \u00a0 14) \u00a0 \u00a0 ACCION DE TUTELA CONTRA \u00a0 PROVIDENCIAS JUDICIALES-Reiteraci\u00f3n de jurisprudencia sobre requisitos \u00a0 generales y especiales de procedibilidad \u00a0 \u00a0 INDEBIDA NOTIFICACION EN EL \u00a0 TRAMITE DE UN PROCESO EJECUTIVO \u00a0 \u00a0 INDEBIDA NOTIFICACION DEL \u00a0 MANDAMIENTO DE PAGO-Medios procesales previstos en C. de P.C. \u00a0 \u00a0 El C\u00f3digo de Procedimiento Civil (C.P.C.), en trat\u00e1ndose \u00a0 de la err\u00f3nea o indebida notificaci\u00f3n del auto admisorio de la demanda o del \u00a0 mandamiento de pago,\u00a0 dispone en el art\u00edculo ...<br \/><div class=\"pt-cv-rmwrap\"><a href=\"https:\/\/www.dmsjuridica.com\/buscador_20179478954\/corteconstitucionalcronologico202454587\/t-275-13\/\" class=\"_self pt-cv-readmore btn btn-success\" target=\"_self\">Ver Sentencia Completa...<\/a><\/div><\/div><\/div><\/div>\n<div class=\"col-md-12 col-sm-12 col-xs-12 pt-cv-content-item pt-cv-1-col\" ><div class='pt-cv-ifield'><a href=\"https:\/\/www.dmsjuridica.com\/buscador_20179478954\/corteconstitucionalcronologico202454587\/t-273-13\/\" class=\"_self pt-cv-href-thumbnail pt-cv-thumb-default\" target=\"_self\" ><\/a>\n<div class=\"pt-cv-taxoterm above_title\"><a href='https:\/\/www.dmsjuridica.com\/buscador_20179478954\/corteconstitucionalcronologico202454587\/category\/buscar-en-toda-la-corte\/2013\/tutelas-2013\/' title='Tutelas 2013' class='pt-cv-tax-tutelas-2013'>Tutelas 2013<\/a><\/div>\n<h4 class=\"pt-cv-title\"><a href=\"https:\/\/www.dmsjuridica.com\/buscador_20179478954\/corteconstitucionalcronologico202454587\/t-273-13\/\" class=\"_self\" target=\"_self\" >T-273-13<\/a><\/h4>\n<div class=\"pt-cv-content\">\u00a0 \u00a0 \u00a0 \u00a0 \u00a0 \u00a0T-273-13 \u00a0 \u00a0 \u00a0 \u00a0 \u00a0 \u00a0\u00a0 Sentencia T-273\/13 \u00a0 \u00a0 CARENCIA ACTUAL DE OBJETO POR HECHO SUPERADO-Configuraci\u00f3n \u00a0 \u00a0 La carencia actual de objeto por hecho superado se configura cuando entre el \u00a0 momento de la interposici\u00f3n de la acci\u00f3n de tutela y el momento del fallo se \u00a0 satisface por completo la pretensi\u00f3n contenida en la demanda de amparo. En otras \u00a0 palabras, aquello que se pretend\u00eda lograr mediante la orden del juez de tutela \u00a0 ha acaecido antes de que el mismo diera orden alguna. En este sentido, la \u00a0 jurisprudencia de ...<br \/><div class=\"pt-cv-rmwrap\"><a href=\"https:\/\/www.dmsjuridica.com\/buscador_20179478954\/corteconstitucionalcronologico202454587\/t-273-13\/\" class=\"_self pt-cv-readmore btn btn-success\" target=\"_self\">Ver Sentencia Completa...<\/a><\/div><\/div><\/div><\/div>\n<div class=\"col-md-12 col-sm-12 col-xs-12 pt-cv-content-item pt-cv-1-col\" ><div class='pt-cv-ifield'><a href=\"https:\/\/www.dmsjuridica.com\/buscador_20179478954\/corteconstitucionalcronologico202454587\/t-272-13\/\" class=\"_self pt-cv-href-thumbnail pt-cv-thumb-default\" target=\"_self\" ><\/a>\n<div class=\"pt-cv-taxoterm above_title\"><a href='https:\/\/www.dmsjuridica.com\/buscador_20179478954\/corteconstitucionalcronologico202454587\/category\/buscar-en-toda-la-corte\/2013\/tutelas-2013\/' title='Tutelas 2013' class='pt-cv-tax-tutelas-2013'>Tutelas 2013<\/a><\/div>\n<h4 class=\"pt-cv-title\"><a href=\"https:\/\/www.dmsjuridica.com\/buscador_20179478954\/corteconstitucionalcronologico202454587\/t-272-13\/\" class=\"_self\" target=\"_self\" >T-272-13<\/a><\/h4>\n<div class=\"pt-cv-content\">\u00a0 \u00a0 \u00a0 \u00a0 \u00a0 \u00a0T-272-13 \u00a0 \u00a0 \u00a0 \u00a0 \u00a0 \u00a0\u00a0 Sentencia T-272\/13 \u00a0 \u00a0 ACCION DE \u00a0 TUTELA CONTRA PROVIDENCIAS JUDICIALES-Requisitos generales y especiales de \u00a0 procedibilidad \u00a0 \u00a0 ACCION DE \u00a0 TUTELA CONTRA PROVIDENCIAS JUDICIALES-Agotamiento de todos los medios \u00a0 ordinarios y extraordinarios de defensa judicial como requisito general de \u00a0 procedibilidad \u00a0 \u00a0 ACCION DE \u00a0 TUTELA CONTRA PROVIDENCIAS JUDICIALES-Improcedencia por cuanto no se agot\u00f3 \u00a0 recurso extraordinario de casaci\u00f3n en proceso penal\/ACCION DE TUTELA CONTRA \u00a0 PROVIDENCIAS JUDICIALES-Improcedencia por no existir perjuicio irremediable \u00a0 del accionante, quien se encuentra privado de la libertad \u00a0 \u00a0 ...<br \/><div class=\"pt-cv-rmwrap\"><a href=\"https:\/\/www.dmsjuridica.com\/buscador_20179478954\/corteconstitucionalcronologico202454587\/t-272-13\/\" class=\"_self pt-cv-readmore btn btn-success\" target=\"_self\">Ver Sentencia Completa...<\/a><\/div><\/div><\/div><\/div>\n<div class=\"col-md-12 col-sm-12 col-xs-12 pt-cv-content-item pt-cv-1-col\" ><div class='pt-cv-ifield'><a href=\"https:\/\/www.dmsjuridica.com\/buscador_20179478954\/corteconstitucionalcronologico202454587\/t-271-13\/\" class=\"_self pt-cv-href-thumbnail pt-cv-thumb-default\" target=\"_self\" ><\/a>\n<div class=\"pt-cv-taxoterm above_title\"><a href='https:\/\/www.dmsjuridica.com\/buscador_20179478954\/corteconstitucionalcronologico202454587\/category\/buscar-en-toda-la-corte\/2013\/tutelas-2013\/' title='Tutelas 2013' class='pt-cv-tax-tutelas-2013'>Tutelas 2013<\/a><\/div>\n<h4 class=\"pt-cv-title\"><a href=\"https:\/\/www.dmsjuridica.com\/buscador_20179478954\/corteconstitucionalcronologico202454587\/t-271-13\/\" class=\"_self\" target=\"_self\" >T-271-13<\/a><\/h4>\n<div class=\"pt-cv-content\">\u00a0 \u00a0 \u00a0 \u00a0 \u00a0 \u00a0T-271-13 \u00a0 \u00a0 \u00a0 \u00a0 \u00a0 \u00a0\u00a0 Sentencia T-271\/13 \u00a0 \u00a0 ACCION DE TUTELA CONTRA PROVIDENCIAS JUDICIALES-Reiteraci\u00f3n de jurisprudencia sobre procedencia \u00a0 excepcional \u00a0 \u00a0 ACCION DE TUTELA CONTRA PROVIDENCIAS JUDICIALES-Requisitos generales y especiales de procedibilidad \u00a0 \u00a0 La acci\u00f3n de tutela, como mecanismo de protecci\u00f3n \u00a0 inmediata de los derechos fundamentales, procede excepcionalmente para \u00a0 controvertir el sentido y alcance de las decisiones judiciales, siempre que (i) \u00a0 se cumplan los requisitos generales de procedibilidad, (ii) se advierta que la \u00a0 providencia cuestionada incurri\u00f3 en una o varias de las causales espec\u00edficas, y \u00a0 ...<br \/><div class=\"pt-cv-rmwrap\"><a href=\"https:\/\/www.dmsjuridica.com\/buscador_20179478954\/corteconstitucionalcronologico202454587\/t-271-13\/\" class=\"_self pt-cv-readmore btn btn-success\" target=\"_self\">Ver Sentencia Completa...<\/a><\/div><\/div><\/div><\/div>\n<div class=\"col-md-12 col-sm-12 col-xs-12 pt-cv-content-item pt-cv-1-col\" ><div class='pt-cv-ifield'><a href=\"https:\/\/www.dmsjuridica.com\/buscador_20179478954\/corteconstitucionalcronologico202454587\/t-270-13\/\" class=\"_self pt-cv-href-thumbnail pt-cv-thumb-default\" target=\"_self\" ><\/a>\n<div class=\"pt-cv-taxoterm above_title\"><a href='https:\/\/www.dmsjuridica.com\/buscador_20179478954\/corteconstitucionalcronologico202454587\/category\/buscar-en-toda-la-corte\/2013\/tutelas-2013\/' title='Tutelas 2013' class='pt-cv-tax-tutelas-2013'>Tutelas 2013<\/a><\/div>\n<h4 class=\"pt-cv-title\"><a href=\"https:\/\/www.dmsjuridica.com\/buscador_20179478954\/corteconstitucionalcronologico202454587\/t-270-13\/\" class=\"_self\" target=\"_self\" >T-270-13<\/a><\/h4>\n<div class=\"pt-cv-content\">\u00a0 \u00a0 \u00a0 \u00a0 \u00a0 \u00a0T-270-13 \u00a0 \u00a0 \u00a0 \u00a0 \u00a0 \u00a0\u00a0 Sentencia T-270\/13 \u00a0 \u00a0 ACCION DE TUTELA CONTRA PROVIDENCIAS JUDICIALES-Improcedencia general \u00a0 \u00a0 La acci\u00f3n de tutela se encuentra reservada para aquellos eventos en los cuales \u00a0 se presente una verdadera conculcaci\u00f3n de un derecho fundamental, lo cual suele \u00a0 traducirse en actuaciones arbitrarias, ostensiblemente opuestas al ordenamiento \u00a0 jur\u00eddico, al punto de requerirse la intervenci\u00f3n del juez de tutela como \u00fanica \u00a0 v\u00eda para su restablecimiento, pues de otra forma el instrumento de amparo \u00a0 consignado en el art\u00edculo 86 superior habr\u00eda de convertirse en un mecanismo ...<br \/><div class=\"pt-cv-rmwrap\"><a href=\"https:\/\/www.dmsjuridica.com\/buscador_20179478954\/corteconstitucionalcronologico202454587\/t-270-13\/\" class=\"_self pt-cv-readmore btn btn-success\" target=\"_self\">Ver Sentencia Completa...<\/a><\/div><\/div><\/div><\/div>\n<div class=\"col-md-12 col-sm-12 col-xs-12 pt-cv-content-item pt-cv-1-col\" ><div class='pt-cv-ifield'><a href=\"https:\/\/www.dmsjuridica.com\/buscador_20179478954\/corteconstitucionalcronologico202454587\/t-269-13\/\" class=\"_self pt-cv-href-thumbnail pt-cv-thumb-default\" target=\"_self\" ><\/a>\n<div class=\"pt-cv-taxoterm above_title\"><a href='https:\/\/www.dmsjuridica.com\/buscador_20179478954\/corteconstitucionalcronologico202454587\/category\/buscar-en-toda-la-corte\/2013\/tutelas-2013\/' title='Tutelas 2013' class='pt-cv-tax-tutelas-2013'>Tutelas 2013<\/a><\/div>\n<h4 class=\"pt-cv-title\"><a href=\"https:\/\/www.dmsjuridica.com\/buscador_20179478954\/corteconstitucionalcronologico202454587\/t-269-13\/\" class=\"_self\" target=\"_self\" >T-269-13<\/a><\/h4>\n<div class=\"pt-cv-content\">\u00a0 \u00a0 \u00a0 \u00a0 \u00a0 \u00a0T-269-13 \u00a0 \u00a0 \u00a0 \u00a0 \u00a0 \u00a0\u00a0 Sentencia T-269\/13 \u00a0 \u00a0 ACCION DE TUTELA PARA \u00a0 RECONOCIMIENTO DE ACREENCIAS LABORALES-Improcedencia general para solicitar \u00a0 prestaciones laborales de contenido econ\u00f3mico diferentes al salario y por no \u00a0 existir perjuicio irremediable \u00a0 \u00a0 ACCION DE TUTELA PARA SOLICITAR \u00a0 PRIMA DE SERVICIOS-Improcedencia por existir otros mecanismos de defensa \u00a0 judicial y no existir perjuicio irremediable ni afectaci\u00f3n del m\u00ednimo vital \u00a0 \u00a0 La Sala de Revisi\u00f3n concluye que la acci\u00f3n de tutela no es \u00a0 el mecanismo judicial procedente para resolver la controversia sobre el derecho \u00a0 ...<br \/><div class=\"pt-cv-rmwrap\"><a href=\"https:\/\/www.dmsjuridica.com\/buscador_20179478954\/corteconstitucionalcronologico202454587\/t-269-13\/\" class=\"_self pt-cv-readmore btn btn-success\" target=\"_self\">Ver Sentencia Completa...<\/a><\/div><\/div><\/div><\/div>\n<div class=\"col-md-12 col-sm-12 col-xs-12 pt-cv-content-item pt-cv-1-col\" ><div class='pt-cv-ifield'><a href=\"https:\/\/www.dmsjuridica.com\/buscador_20179478954\/corteconstitucionalcronologico202454587\/t-268-13\/\" class=\"_self pt-cv-href-thumbnail pt-cv-thumb-default\" target=\"_self\" ><\/a>\n<div class=\"pt-cv-taxoterm above_title\"><a href='https:\/\/www.dmsjuridica.com\/buscador_20179478954\/corteconstitucionalcronologico202454587\/category\/buscar-en-toda-la-corte\/2013\/tutelas-2013\/' title='Tutelas 2013' class='pt-cv-tax-tutelas-2013'>Tutelas 2013<\/a><\/div>\n<h4 class=\"pt-cv-title\"><a href=\"https:\/\/www.dmsjuridica.com\/buscador_20179478954\/corteconstitucionalcronologico202454587\/t-268-13\/\" class=\"_self\" target=\"_self\" >T-268-13<\/a><\/h4>\n<div class=\"pt-cv-content\">\u00a0 \u00a0 \u00a0 \u00a0 \u00a0 \u00a0T-268-13 \u00a0 \u00a0 \u00a0 \u00a0 \u00a0 \u00a0\u00a0 Sentencia \u00a0 T-268\/13 \u00a0 \u00a0\u00a0 DERECHO DE PETICION ANTE PARTICULARES-Reglas \u00a0 jurisprudenciales \u00a0 \u00a0 Por tratarse \u00a0 de una garant\u00eda constitucional debe entenderse que el derecho de petici\u00f3n \u00a0 procede ante particulares en los siguientes casos: (i) cuando efect\u00faan la \u00a0 prestaci\u00f3n de un servicio p\u00fablico; (ii) en casos donde ejercen funciones \u00a0 p\u00fablicas; (iii) siempre que desarrollen actividades que comprometen el inter\u00e9s \u00a0 general; (iv) en los casos en los que la protecci\u00f3n de otro derecho fundamental \u00a0 haga imperativa la respuesta; (v) supuestos de indefinici\u00f3n o ...<br \/><div class=\"pt-cv-rmwrap\"><a href=\"https:\/\/www.dmsjuridica.com\/buscador_20179478954\/corteconstitucionalcronologico202454587\/t-268-13\/\" class=\"_self pt-cv-readmore btn btn-success\" target=\"_self\">Ver Sentencia Completa...<\/a><\/div><\/div><\/div><\/div>\n<div class=\"col-md-12 col-sm-12 col-xs-12 pt-cv-content-item pt-cv-1-col\" ><div class='pt-cv-ifield'><a href=\"https:\/\/www.dmsjuridica.com\/buscador_20179478954\/corteconstitucionalcronologico202454587\/t-267-13\/\" class=\"_self pt-cv-href-thumbnail pt-cv-thumb-default\" target=\"_self\" ><\/a>\n<div class=\"pt-cv-taxoterm above_title\"><a href='https:\/\/www.dmsjuridica.com\/buscador_20179478954\/corteconstitucionalcronologico202454587\/category\/buscar-en-toda-la-corte\/2013\/tutelas-2013\/' title='Tutelas 2013' class='pt-cv-tax-tutelas-2013'>Tutelas 2013<\/a><\/div>\n<h4 class=\"pt-cv-title\"><a href=\"https:\/\/www.dmsjuridica.com\/buscador_20179478954\/corteconstitucionalcronologico202454587\/t-267-13\/\" class=\"_self\" target=\"_self\" >T-267-13<\/a><\/h4>\n<div class=\"pt-cv-content\">\u00a0 \u00a0 \u00a0 \u00a0 \u00a0 \u00a0T-267-13 \u00a0 \u00a0 \u00a0 \u00a0 \u00a0 \u00a0\u00a0 Sentencia T-267\/13 \u00a0 \u00a0 ACCION DE \u00a0 TUTELA CONTRA PROVIDENCIAS JUDICIALES-Causales de procedibilidad \u00a0 \u00a0 ACCION DE \u00a0 TUTELA CONTRA PROVIDENCIAS JUDICIALES-Reglas de procedencia y procedibilidad \u00a0 conforme a la sentencia C-590\/05 \u00a0 \u00a0 DEFECTO \u00a0 ORGANICO-Configuraci\u00f3n \u00a0 \u00a0 Jurisprudencialmente se ha\u00a0 \u00a0 determinado, desde los albores de esta corporaci\u00f3n, que se est\u00e1 en presencia de \u00a0 un defecto org\u00e1nico en aquellos eventos en los que el funcionario que profiere \u00a0 determinada decisi\u00f3n, carece de manera absoluta de la competencia para hacerlo. \u00a0 Se dice que se configura ...<br \/><div class=\"pt-cv-rmwrap\"><a href=\"https:\/\/www.dmsjuridica.com\/buscador_20179478954\/corteconstitucionalcronologico202454587\/t-267-13\/\" class=\"_self pt-cv-readmore btn btn-success\" target=\"_self\">Ver Sentencia Completa...<\/a><\/div><\/div><\/div><\/div>\n<div class=\"col-md-12 col-sm-12 col-xs-12 pt-cv-content-item pt-cv-1-col\" ><div class='pt-cv-ifield'><a href=\"https:\/\/www.dmsjuridica.com\/buscador_20179478954\/corteconstitucionalcronologico202454587\/t-266-13\/\" class=\"_self pt-cv-href-thumbnail pt-cv-thumb-default\" target=\"_self\" ><\/a>\n<div class=\"pt-cv-taxoterm above_title\"><a href='https:\/\/www.dmsjuridica.com\/buscador_20179478954\/corteconstitucionalcronologico202454587\/category\/buscar-en-toda-la-corte\/2013\/tutelas-2013\/' title='Tutelas 2013' class='pt-cv-tax-tutelas-2013'>Tutelas 2013<\/a><\/div>\n<h4 class=\"pt-cv-title\"><a href=\"https:\/\/www.dmsjuridica.com\/buscador_20179478954\/corteconstitucionalcronologico202454587\/t-266-13\/\" class=\"_self\" target=\"_self\" >T-266-13<\/a><\/h4>\n<div class=\"pt-cv-content\">\u00a0 \u00a0 \u00a0 \u00a0 \u00a0 \u00a0T-266-13 \u00a0 \u00a0 \u00a0 \u00a0 \u00a0 \u00a0\u00a0 Sentencia \u00a0 T-266\/13 \u00a0 \u00a0 RELACIONES DE ESPECIAL SUJECION ENTRE LOS INTERNOS Y EL ESTADO-Respeto por la \u00a0 dignidad humana de personas privadas de la libertad \u00a0 \u00a0 Con la privaci\u00f3n \u00a0 del derecho de libertad de un individuo nace una relaci\u00f3n de especial sujeci\u00f3n \u00a0 entre el Estado y el recluso dentro de la cual surgen tanto derechos como \u00a0 deberes mutuos, fundament\u00e1ndose \u201cpor un lado, el ejercicio de la potestad \u00a0 punitiva y, por otro, el cumplimiento de las funciones de la pena y el respeto ...<br \/><div class=\"pt-cv-rmwrap\"><a href=\"https:\/\/www.dmsjuridica.com\/buscador_20179478954\/corteconstitucionalcronologico202454587\/t-266-13\/\" class=\"_self pt-cv-readmore btn btn-success\" target=\"_self\">Ver Sentencia Completa...<\/a><\/div><\/div><\/div><\/div>\n<div class=\"col-md-12 col-sm-12 col-xs-12 pt-cv-content-item pt-cv-1-col\" ><div class='pt-cv-ifield'><a href=\"https:\/\/www.dmsjuridica.com\/buscador_20179478954\/corteconstitucionalcronologico202454587\/t-265-13\/\" class=\"_self pt-cv-href-thumbnail pt-cv-thumb-default\" target=\"_self\" ><\/a>\n<div class=\"pt-cv-taxoterm above_title\"><a href='https:\/\/www.dmsjuridica.com\/buscador_20179478954\/corteconstitucionalcronologico202454587\/category\/buscar-en-toda-la-corte\/2013\/tutelas-2013\/' title='Tutelas 2013' class='pt-cv-tax-tutelas-2013'>Tutelas 2013<\/a><\/div>\n<h4 class=\"pt-cv-title\"><a href=\"https:\/\/www.dmsjuridica.com\/buscador_20179478954\/corteconstitucionalcronologico202454587\/t-265-13\/\" class=\"_self\" target=\"_self\" >T-265-13<\/a><\/h4>\n<div class=\"pt-cv-content\">\u00a0 \u00a0 \u00a0 \u00a0 \u00a0 \u00a0T-265-13 \u00a0 \u00a0 \u00a0 \u00a0 \u00a0 \u00a0\u00a0 Sentencia T-265\/13 \u00a0 \u00a0 LEGITIMACION \u00a0 POR ACTIVA DE LA POLICIA NACIONAL COMO PERSONA JURIDICA \u00a0 \u00a0 Al igual \u00a0 que las personas naturales, las jur\u00eddicas est\u00e1n habilitadas para ejercer \u00a0 derechos y contraer obligaciones, pueden por tanto, actuar dentro de un proceso \u00a0 como partes y por ello se les debe respetar el derecho a la igualdad, al debido \u00a0 proceso y al acceso a la administraci\u00f3n de justicia, previstos en los art\u00edculos \u00a0 13, 29 y 229 de la Carta Pol\u00edtica. Por tanto, esta Sala reitera ...<br \/><div class=\"pt-cv-rmwrap\"><a href=\"https:\/\/www.dmsjuridica.com\/buscador_20179478954\/corteconstitucionalcronologico202454587\/t-265-13\/\" class=\"_self pt-cv-readmore btn btn-success\" target=\"_self\">Ver Sentencia Completa...<\/a><\/div><\/div><\/div><\/div>\n<div class=\"col-md-12 col-sm-12 col-xs-12 pt-cv-content-item pt-cv-1-col\" ><div class='pt-cv-ifield'><a href=\"https:\/\/www.dmsjuridica.com\/buscador_20179478954\/corteconstitucionalcronologico202454587\/t-261-13\/\" class=\"_self pt-cv-href-thumbnail pt-cv-thumb-default\" target=\"_self\" ><\/a>\n<div class=\"pt-cv-taxoterm above_title\"><a href='https:\/\/www.dmsjuridica.com\/buscador_20179478954\/corteconstitucionalcronologico202454587\/category\/buscar-en-toda-la-corte\/2013\/tutelas-2013\/' title='Tutelas 2013' class='pt-cv-tax-tutelas-2013'>Tutelas 2013<\/a><\/div>\n<h4 class=\"pt-cv-title\"><a href=\"https:\/\/www.dmsjuridica.com\/buscador_20179478954\/corteconstitucionalcronologico202454587\/t-261-13\/\" class=\"_self\" target=\"_self\" >T-261-13<\/a><\/h4>\n<div class=\"pt-cv-content\">\u00a0 \u00a0 \u00a0 \u00a0 \u00a0 \u00a0T-261-13 \u00a0 \u00a0 \u00a0 \u00a0 \u00a0 \u00a0\u00a0 Sentencia T-261\/13 \u00a0 \u00a0 ACCION DE TUTELA CONTRA PROVIDENCIAS JUDICIALES-Requisitos generales y especiales de procedibilidad \u00a0 \u00a0 La jurisprudencia constitucional ha considerado que la \u00a0 acci\u00f3n de tutela en contra de una sentencia judicial es procedente cuando: i) \u00a0 cumple los requisitos formales de procedibilidad, ii)\u00a0 se presenta alguna o \u00a0 algunas de las causales gen\u00e9ricas establecidas por la Corporaci\u00f3n para hacer \u00a0 procedente el amparo material y, iii) se acredita la necesidad de intervenci\u00f3n \u00a0 del juez de tutela, para evitar la consumaci\u00f3n de un perjuicio iusfundamental ...<br \/><div class=\"pt-cv-rmwrap\"><a href=\"https:\/\/www.dmsjuridica.com\/buscador_20179478954\/corteconstitucionalcronologico202454587\/t-261-13\/\" class=\"_self pt-cv-readmore btn btn-success\" target=\"_self\">Ver Sentencia Completa...<\/a><\/div><\/div><\/div><\/div>\n<div class=\"col-md-12 col-sm-12 col-xs-12 pt-cv-content-item pt-cv-1-col\" ><div class='pt-cv-ifield'><a href=\"https:\/\/www.dmsjuridica.com\/buscador_20179478954\/corteconstitucionalcronologico202454587\/t-260-13\/\" class=\"_self pt-cv-href-thumbnail pt-cv-thumb-default\" target=\"_self\" ><\/a>\n<div class=\"pt-cv-taxoterm above_title\"><a href='https:\/\/www.dmsjuridica.com\/buscador_20179478954\/corteconstitucionalcronologico202454587\/category\/buscar-en-toda-la-corte\/2013\/tutelas-2013\/' title='Tutelas 2013' class='pt-cv-tax-tutelas-2013'>Tutelas 2013<\/a><\/div>\n<h4 class=\"pt-cv-title\"><a href=\"https:\/\/www.dmsjuridica.com\/buscador_20179478954\/corteconstitucionalcronologico202454587\/t-260-13\/\" class=\"_self\" target=\"_self\" >T-260-13<\/a><\/h4>\n<div class=\"pt-cv-content\">\u00a0 \u00a0 \u00a0 \u00a0 \u00a0 \u00a0T-260-13 \u00a0 \u00a0 \u00a0 \u00a0 \u00a0 \u00a0\u00a0 Sentencia \u00a0 T-260\/13 \u00a0 \u00a0 DERECHO A LA SEGURIDAD SOCIAL-Instrumentos internacionales que reconocen su \u00a0 importancia \u00a0 \u00a0 ACCION DE TUTELA PARA RECONOCIMIENTO DE PENSION DE \u00a0 SOBREVIVIENTES-Procedencia por cuanto \u00a0 se cumplen requisitos y para evitar perjuicio irremediable \u00a0 \u00a0 La acci\u00f3n de tutela procede \u00a0 como mecanismo principal o subsidiario, cuando se formula para solicitar el \u00a0 reconocimiento de prestaciones econ\u00f3micas tal como la pensi\u00f3n de sobrevivientes \u00a0 \u00fanicamente cuando los mecanismos ordinarios de defensa judicial no son id\u00f3neos \u00a0 ni eficaces, o se pretenda evitar ...<br \/><div class=\"pt-cv-rmwrap\"><a href=\"https:\/\/www.dmsjuridica.com\/buscador_20179478954\/corteconstitucionalcronologico202454587\/t-260-13\/\" class=\"_self pt-cv-readmore btn btn-success\" target=\"_self\">Ver Sentencia Completa...<\/a><\/div><\/div><\/div><\/div>\n<div class=\"col-md-12 col-sm-12 col-xs-12 pt-cv-content-item pt-cv-1-col\" ><div class='pt-cv-ifield'><a href=\"https:\/\/www.dmsjuridica.com\/buscador_20179478954\/corteconstitucionalcronologico202454587\/t-259-13\/\" class=\"_self pt-cv-href-thumbnail pt-cv-thumb-default\" target=\"_self\" ><\/a>\n<div class=\"pt-cv-taxoterm above_title\"><a href='https:\/\/www.dmsjuridica.com\/buscador_20179478954\/corteconstitucionalcronologico202454587\/category\/buscar-en-toda-la-corte\/2013\/tutelas-2013\/' title='Tutelas 2013' class='pt-cv-tax-tutelas-2013'>Tutelas 2013<\/a><\/div>\n<h4 class=\"pt-cv-title\"><a href=\"https:\/\/www.dmsjuridica.com\/buscador_20179478954\/corteconstitucionalcronologico202454587\/t-259-13\/\" class=\"_self\" target=\"_self\" >T-259-13<\/a><\/h4>\n<div class=\"pt-cv-content\">\u00a0 \u00a0 \u00a0 \u00a0 \u00a0 \u00a0T-259-13 \u00a0 \u00a0 \u00a0 \u00a0 \u00a0 \u00a0\u00a0 Sentencia T-259\/13 \u00a0 \u00a0 REGLAS DE REPARTO DE ACCION DE TUTELA-Desconocimiento no acarrea nulidad \u00a0 \u00a0 DECRETO REGLAMENTARIO DE COMPETENCIA PARA REPARTO DE \u00a0 ACCION DE TUTELA-Establece reglas de \u00a0 simple reparto y no de competencia \u00a0 \u00a0 Las normas consignadas en el \u00a0 Decreto 1382 de 2000 son de reparto y no de competencia. Lo antepuesto se basa \u00a0 en el criterio acogido por el Consejo de Estado y en que aceptar una posici\u00f3n \u00a0 contraria implicar\u00eda dilatar la expedici\u00f3n del fallo que tiene la virtualidad de ...<br \/><div class=\"pt-cv-rmwrap\"><a href=\"https:\/\/www.dmsjuridica.com\/buscador_20179478954\/corteconstitucionalcronologico202454587\/t-259-13\/\" class=\"_self pt-cv-readmore btn btn-success\" target=\"_self\">Ver Sentencia Completa...<\/a><\/div><\/div><\/div><\/div>\n<div class=\"col-md-12 col-sm-12 col-xs-12 pt-cv-content-item pt-cv-1-col\" ><div class='pt-cv-ifield'><a href=\"https:\/\/www.dmsjuridica.com\/buscador_20179478954\/corteconstitucionalcronologico202454587\/t-256-13\/\" class=\"_self pt-cv-href-thumbnail pt-cv-thumb-default\" target=\"_self\" ><\/a>\n<div class=\"pt-cv-taxoterm above_title\"><a href='https:\/\/www.dmsjuridica.com\/buscador_20179478954\/corteconstitucionalcronologico202454587\/category\/buscar-en-toda-la-corte\/2013\/tutelas-2013\/' title='Tutelas 2013' class='pt-cv-tax-tutelas-2013'>Tutelas 2013<\/a><\/div>\n<h4 class=\"pt-cv-title\"><a href=\"https:\/\/www.dmsjuridica.com\/buscador_20179478954\/corteconstitucionalcronologico202454587\/t-256-13\/\" class=\"_self\" target=\"_self\" >T-256-13<\/a><\/h4>\n<div class=\"pt-cv-content\">\u00a0 \u00a0 \u00a0 \u00a0 \u00a0 \u00a0T-256-13 \u00a0 \u00a0 \u00a0 \u00a0 \u00a0 \u00a0\u00a0 Sentencia T-256\/13 \u00a0 \u00a0 DERECHO FUNDAMENTAL A LA LIBERTAD DE EXPRESION Y DE \u00a0 INFORMACION-Reiteraci\u00f3n de \u00a0 jurisprudencia \u00a0 \u00a0 DERECHOS DE LIBERTAD DE EXPRESION Y DE INFORMACION-Diferencias\/LIBERTAD DE INFORMACION-Caracter\u00edsticas \u00a0 \u00a0 La Sala considera necesario resaltar algunas \u00a0 caracter\u00edsticas y cualidades de la libertad de informaci\u00f3n. Se diferencia de la \u00a0 libertad de expresi\u00f3n en sentido estricto en que \u00e9sta protege la transmisi\u00f3n de \u00a0 todo tipo de pensamientos, opiniones, ideas e informaciones personales de quien \u00a0 se expresa, mientras que la libertad de informaci\u00f3n protege la ...<br \/><div class=\"pt-cv-rmwrap\"><a href=\"https:\/\/www.dmsjuridica.com\/buscador_20179478954\/corteconstitucionalcronologico202454587\/t-256-13\/\" class=\"_self pt-cv-readmore btn btn-success\" target=\"_self\">Ver Sentencia Completa...<\/a><\/div><\/div><\/div><\/div>\n<div class=\"col-md-12 col-sm-12 col-xs-12 pt-cv-content-item pt-cv-1-col\" ><div class='pt-cv-ifield'><a href=\"https:\/\/www.dmsjuridica.com\/buscador_20179478954\/corteconstitucionalcronologico202454587\/t-255-13\/\" class=\"_self pt-cv-href-thumbnail pt-cv-thumb-default\" target=\"_self\" ><\/a>\n<div class=\"pt-cv-taxoterm above_title\"><a href='https:\/\/www.dmsjuridica.com\/buscador_20179478954\/corteconstitucionalcronologico202454587\/category\/buscar-en-toda-la-corte\/2013\/tutelas-2013\/' title='Tutelas 2013' class='pt-cv-tax-tutelas-2013'>Tutelas 2013<\/a><\/div>\n<h4 class=\"pt-cv-title\"><a href=\"https:\/\/www.dmsjuridica.com\/buscador_20179478954\/corteconstitucionalcronologico202454587\/t-255-13\/\" class=\"_self\" target=\"_self\" >T-255-13<\/a><\/h4>\n<div class=\"pt-cv-content\">\u00a0 \u00a0 \u00a0 \u00a0 \u00a0 \u00a0T-255-13 \u00a0 \u00a0 \u00a0 \u00a0 \u00a0 \u00a0\u00a0 Sentencia T-255\/13 \u00a0 \u00a0 ACCION DE TUTELA \u00a0 CONTRA PROVIDENCIAS JUDICIALES PARA INDEXACION DE LA PRIMERA MESADA PENSIONAL-Procedencia \u00a0 excepcional \u00a0 \u00a0 INDEXACION-Concepto y \u00a0 desarrollo legislativo \u00a0 \u00a0 INDEXACION DE LA \u00a0 PRIMERA MESADA PENSIONAL-Regulaci\u00f3n antes de la Constituci\u00f3n de 1991 \u00a0 \u00a0 INDEXACION DE LA \u00a0 PRIMERA MESADA PENSIONAL-Se aplica a pensiones causadas en cualquier tiempo, \u00a0 incluso, antes de la vigencia de la Constituci\u00f3n de 1991 \u00a0 \u00a0 INDEXACION DE LA \u00a0 PRIMERA MESADA PENSIONAL-Jurisprudencia Sala de Casaci\u00f3n Laboral Corte Suprema \u00a0 de Justicia \u00a0 ...<br \/><div class=\"pt-cv-rmwrap\"><a href=\"https:\/\/www.dmsjuridica.com\/buscador_20179478954\/corteconstitucionalcronologico202454587\/t-255-13\/\" class=\"_self pt-cv-readmore btn btn-success\" target=\"_self\">Ver Sentencia Completa...<\/a><\/div><\/div><\/div><\/div>\n<div class=\"col-md-12 col-sm-12 col-xs-12 pt-cv-content-item pt-cv-1-col\" ><div class='pt-cv-ifield'><a href=\"https:\/\/www.dmsjuridica.com\/buscador_20179478954\/corteconstitucionalcronologico202454587\/t-243-13\/\" class=\"_self pt-cv-href-thumbnail pt-cv-thumb-default\" target=\"_self\" ><\/a>\n<div class=\"pt-cv-taxoterm above_title\"><a href='https:\/\/www.dmsjuridica.com\/buscador_20179478954\/corteconstitucionalcronologico202454587\/category\/buscar-en-toda-la-corte\/2013\/tutelas-2013\/' title='Tutelas 2013' class='pt-cv-tax-tutelas-2013'>Tutelas 2013<\/a><\/div>\n<h4 class=\"pt-cv-title\"><a href=\"https:\/\/www.dmsjuridica.com\/buscador_20179478954\/corteconstitucionalcronologico202454587\/t-243-13\/\" class=\"_self\" target=\"_self\" >T-243-13<\/a><\/h4>\n<div class=\"pt-cv-content\">\u00a0 \u00a0 \u00a0 \u00a0 \u00a0 \u00a0T-243-13 \u00a0 \u00a0 \u00a0 \u00a0 \u00a0 \u00a0\u00a0 Sentencia T-243\/13 \u00a0 \u00a0 DERECHO FUNDAMENTAL A LA SALUD DE PERSONA DE LA TERCERA \u00a0 EDAD-Protecci\u00f3n constitucional especial \u00a0 \u00a0 La jurisprudencia \u00a0 constitucional ha sostenido que, en virtud del derecho fundamental a la salud, \u00a0 el Estado est\u00e1 en la obligaci\u00f3n de adoptar aquellas medidas necesarias para \u00a0 brindar a las personas este servicio de manera efectiva e integral, derecho que, \u00a0 de encontrarse de alguna manera amenazado, puede ser protegido por v\u00eda de acci\u00f3n \u00a0 de tutela. Lo anterior cobra mayor importancia cuando se trata de ...<br \/><div class=\"pt-cv-rmwrap\"><a href=\"https:\/\/www.dmsjuridica.com\/buscador_20179478954\/corteconstitucionalcronologico202454587\/t-243-13\/\" class=\"_self pt-cv-readmore btn btn-success\" target=\"_self\">Ver Sentencia Completa...<\/a><\/div><\/div><\/div><\/div>\n<div class=\"col-md-12 col-sm-12 col-xs-12 pt-cv-content-item pt-cv-1-col\" ><div class='pt-cv-ifield'><a href=\"https:\/\/www.dmsjuridica.com\/buscador_20179478954\/corteconstitucionalcronologico202454587\/t-242-13\/\" class=\"_self pt-cv-href-thumbnail pt-cv-thumb-default\" target=\"_self\" ><\/a>\n<div class=\"pt-cv-taxoterm above_title\"><a href='https:\/\/www.dmsjuridica.com\/buscador_20179478954\/corteconstitucionalcronologico202454587\/category\/buscar-en-toda-la-corte\/2013\/tutelas-2013\/' title='Tutelas 2013' class='pt-cv-tax-tutelas-2013'>Tutelas 2013<\/a><\/div>\n<h4 class=\"pt-cv-title\"><a href=\"https:\/\/www.dmsjuridica.com\/buscador_20179478954\/corteconstitucionalcronologico202454587\/t-242-13\/\" class=\"_self\" target=\"_self\" >T-242-13<\/a><\/h4>\n<div class=\"pt-cv-content\">\u00a0 \u00a0 \u00a0 \u00a0 \u00a0 \u00a0T-242-13 \u00a0 \u00a0 \u00a0 \u00a0 \u00a0 \u00a0\u00a0 Sentencia T-242\/13 \u00a0 \u00a0 ACCION DE TUTELA PARA SOLICITAR PROTECCION DEL DERECHO AL \u00a0 AGUA-Procedencia excepcional \u00a0 \u00a0 La Corte Constitucional se ha \u00a0 ocupado en varias ocasiones del estudio de la procedencia de la acci\u00f3n de tutela \u00a0 para proteger el derecho al agua, teniendo en cuenta que tiene una doble \u00a0 naturaleza, de derecho fundamental y al mismo tiempo colectivo, dependiendo del \u00a0 uso que se haga del mismo. As\u00ed pues, cuando se verifica que el amparo solicitado \u00a0 est\u00e1 encaminado a proteger el derecho al ...<br \/><div class=\"pt-cv-rmwrap\"><a href=\"https:\/\/www.dmsjuridica.com\/buscador_20179478954\/corteconstitucionalcronologico202454587\/t-242-13\/\" class=\"_self pt-cv-readmore btn btn-success\" target=\"_self\">Ver Sentencia Completa...<\/a><\/div><\/div><\/div><\/div>\n<div class=\"col-md-12 col-sm-12 col-xs-12 pt-cv-content-item pt-cv-1-col\" ><div class='pt-cv-ifield'><a href=\"https:\/\/www.dmsjuridica.com\/buscador_20179478954\/corteconstitucionalcronologico202454587\/t-241-13\/\" class=\"_self pt-cv-href-thumbnail pt-cv-thumb-default\" target=\"_self\" ><\/a>\n<div class=\"pt-cv-taxoterm above_title\"><a href='https:\/\/www.dmsjuridica.com\/buscador_20179478954\/corteconstitucionalcronologico202454587\/category\/buscar-en-toda-la-corte\/2013\/tutelas-2013\/' title='Tutelas 2013' class='pt-cv-tax-tutelas-2013'>Tutelas 2013<\/a><\/div>\n<h4 class=\"pt-cv-title\"><a href=\"https:\/\/www.dmsjuridica.com\/buscador_20179478954\/corteconstitucionalcronologico202454587\/t-241-13\/\" class=\"_self\" target=\"_self\" >T-241-13<\/a><\/h4>\n<div class=\"pt-cv-content\">\u00a0 \u00a0 \u00a0 \u00a0 \u00a0 \u00a0T-241-13 \u00a0 \u00a0 \u00a0 \u00a0 \u00a0 \u00a0\u00a0 Sentencia T-241\/13 \u00a0 \u00a0 La Corte ha manifestado de forma reiterada que acudir a la acci\u00f3n de tutela \u00a0 cuando existen mecanismos ordinarios de defensa, desconoce que los \u00a0 procedimientos administrativos y los procesos ante la administraci\u00f3n de justicia \u00a0 son los primeros y m\u00e1s propicios escenarios para garantizar la vigencia de los \u00a0 derechos fundamentales. En particular, si el mecanismo con que cuenta la persona \u00a0 que considera afectados sus derechos es una acci\u00f3n judicial, desconocer la \u00a0 prevalencia de \u00e9sta \u201cdesfigura el papel institucional de la ...<br \/><div class=\"pt-cv-rmwrap\"><a href=\"https:\/\/www.dmsjuridica.com\/buscador_20179478954\/corteconstitucionalcronologico202454587\/t-241-13\/\" class=\"_self pt-cv-readmore btn btn-success\" target=\"_self\">Ver Sentencia Completa...<\/a><\/div><\/div><\/div><\/div>\n<div class=\"col-md-12 col-sm-12 col-xs-12 pt-cv-content-item pt-cv-1-col\" ><div class='pt-cv-ifield'><a href=\"https:\/\/www.dmsjuridica.com\/buscador_20179478954\/corteconstitucionalcronologico202454587\/t-240-13\/\" class=\"_self pt-cv-href-thumbnail pt-cv-thumb-default\" target=\"_self\" ><\/a>\n<div class=\"pt-cv-taxoterm above_title\"><a href='https:\/\/www.dmsjuridica.com\/buscador_20179478954\/corteconstitucionalcronologico202454587\/category\/buscar-en-toda-la-corte\/2013\/tutelas-2013\/' title='Tutelas 2013' class='pt-cv-tax-tutelas-2013'>Tutelas 2013<\/a><\/div>\n<h4 class=\"pt-cv-title\"><a href=\"https:\/\/www.dmsjuridica.com\/buscador_20179478954\/corteconstitucionalcronologico202454587\/t-240-13\/\" class=\"_self\" target=\"_self\" >T-240-13<\/a><\/h4>\n<div class=\"pt-cv-content\">\u00a0 \u00a0 \u00a0 \u00a0 \u00a0 \u00a0T-240-13 \u00a0 \u00a0 \u00a0 \u00a0 \u00a0 \u00a0\u00a0 Sentencia T-240\/13 \u00a0 \u00a0 ACCION DE TUTELA CONTRA \u00a0 PROVIDENCIAS JUDICIALES-Procedencia excepcional para la protecci\u00f3n de \u00a0 derechos fundamentales \u00a0 \u00a0 ACCION DE TUTELA CONTRA \u00a0 PROVIDENCIAS JUDICIALES-Requisitos generales y especiales de procedibilidad \u00a0 \u00a0 DEFECTO SUSTANTIVO-Configuraci\u00f3n \u00a0 \u00a0 PENSION DE VEJEZ-Jurisprudencia \u00a0 sobre obligaci\u00f3n del empleador de realizar aprovisionamiento de dinero para el \u00a0 pago de aportes de sus trabajadores al ISS cuando esta entidad asumiera riesgos \u00a0 de invalidez, vejez y muerte \u00a0 \u00a0 ACCION DE TUTELA CONTRA \u00a0 PROVIDENCIAS JUDICIALES-Tribunal no vulner\u00f3 debido proceso en ...<br \/><div class=\"pt-cv-rmwrap\"><a href=\"https:\/\/www.dmsjuridica.com\/buscador_20179478954\/corteconstitucionalcronologico202454587\/t-240-13\/\" class=\"_self pt-cv-readmore btn btn-success\" target=\"_self\">Ver Sentencia Completa...<\/a><\/div><\/div><\/div><\/div>\n<div class=\"col-md-12 col-sm-12 col-xs-12 pt-cv-content-item pt-cv-1-col\" ><div class='pt-cv-ifield'><a href=\"https:\/\/www.dmsjuridica.com\/buscador_20179478954\/corteconstitucionalcronologico202454587\/t-239-13\/\" class=\"_self pt-cv-href-thumbnail pt-cv-thumb-default\" target=\"_self\" ><\/a>\n<div class=\"pt-cv-taxoterm above_title\"><a href='https:\/\/www.dmsjuridica.com\/buscador_20179478954\/corteconstitucionalcronologico202454587\/category\/buscar-en-toda-la-corte\/2013\/tutelas-2013\/' title='Tutelas 2013' class='pt-cv-tax-tutelas-2013'>Tutelas 2013<\/a><\/div>\n<h4 class=\"pt-cv-title\"><a href=\"https:\/\/www.dmsjuridica.com\/buscador_20179478954\/corteconstitucionalcronologico202454587\/t-239-13\/\" class=\"_self\" target=\"_self\" >T-239-13<\/a><\/h4>\n<div class=\"pt-cv-content\">\u00a0 \u00a0 \u00a0 \u00a0 \u00a0 \u00a0T-239-13 \u00a0 \u00a0 \u00a0 \u00a0 \u00a0 \u00a0\u00a0 Sentencia \u00a0 T-239\/13 \u00a0 \u00a0 ACCION DE TUTELA PARA LA PROTECCION DE LOS DERECHOS FUNDAMENTALES DE LA \u00a0 POBLACION DESPLAZADA-Procedencia \u00a0 \u00a0 Esta Sala \u00a0 encuentra procedente la presente acci\u00f3n de tutela, pues como lo ha reiterado \u00a0 esta Corporaci\u00f3n, dada la situaci\u00f3n de extrema vulnerabilidad de las personas en \u00a0 situaci\u00f3n de desplazamiento, el mecanismo que resulta id\u00f3neo y eficaz para \u00a0 defender sus derechos fundamentales ante una actuaci\u00f3n ilegitima de las \u00a0 autoridades encargadas de protegerlos es la acci\u00f3n de tutela. \u00a0 \u00a0 DERECHOS DE LA ...<br \/><div class=\"pt-cv-rmwrap\"><a href=\"https:\/\/www.dmsjuridica.com\/buscador_20179478954\/corteconstitucionalcronologico202454587\/t-239-13\/\" class=\"_self pt-cv-readmore btn btn-success\" target=\"_self\">Ver Sentencia Completa...<\/a><\/div><\/div><\/div><\/div>\n<div class=\"col-md-12 col-sm-12 col-xs-12 pt-cv-content-item pt-cv-1-col\" ><div class='pt-cv-ifield'><a href=\"https:\/\/www.dmsjuridica.com\/buscador_20179478954\/corteconstitucionalcronologico202454587\/t-238-13\/\" class=\"_self pt-cv-href-thumbnail pt-cv-thumb-default\" target=\"_self\" ><\/a>\n<div class=\"pt-cv-taxoterm above_title\"><a href='https:\/\/www.dmsjuridica.com\/buscador_20179478954\/corteconstitucionalcronologico202454587\/category\/buscar-en-toda-la-corte\/2013\/tutelas-2013\/' title='Tutelas 2013' class='pt-cv-tax-tutelas-2013'>Tutelas 2013<\/a><\/div>\n<h4 class=\"pt-cv-title\"><a href=\"https:\/\/www.dmsjuridica.com\/buscador_20179478954\/corteconstitucionalcronologico202454587\/t-238-13\/\" class=\"_self\" target=\"_self\" >T-238-13<\/a><\/h4>\n<div class=\"pt-cv-content\">\u00a0 \u00a0 \u00a0 \u00a0 \u00a0 \u00a0T-238-13 \u00a0 \u00a0 \u00a0 \u00a0 \u00a0 \u00a0\u00a0 Sentencia T-238\/13 \u00a0 \u00a0\u00a0 DERECHO AL MINIMO VITAL DEL PENSIONADO-Vulneraci\u00f3n por descuento superior al 50% de las \u00a0 mesadas \u00a0 \u00a0 De acuerdo con las normas y la jurisprudencia reiterada, no se pueden efectuar \u00a0 descuentos de las mesadas pensionales que afecten m\u00e1s del 50% del ingreso que \u00a0 recibe el titular. Esta es una regla general, que se aplica tanto a los \u00a0 descuentos voluntarios como a los obligatorios. No obstante, es precio se\u00f1alar \u00a0 que en casos de descuentos autorizados por el titular, la regla general ...<br \/><div class=\"pt-cv-rmwrap\"><a href=\"https:\/\/www.dmsjuridica.com\/buscador_20179478954\/corteconstitucionalcronologico202454587\/t-238-13\/\" class=\"_self pt-cv-readmore btn btn-success\" target=\"_self\">Ver Sentencia Completa...<\/a><\/div><\/div><\/div><\/div>\n<div class=\"col-md-12 col-sm-12 col-xs-12 pt-cv-content-item pt-cv-1-col\" ><div class='pt-cv-ifield'><a href=\"https:\/\/www.dmsjuridica.com\/buscador_20179478954\/corteconstitucionalcronologico202454587\/t-237-13\/\" class=\"_self pt-cv-href-thumbnail pt-cv-thumb-default\" target=\"_self\" ><\/a>\n<div class=\"pt-cv-taxoterm above_title\"><a href='https:\/\/www.dmsjuridica.com\/buscador_20179478954\/corteconstitucionalcronologico202454587\/category\/buscar-en-toda-la-corte\/2013\/tutelas-2013\/' title='Tutelas 2013' class='pt-cv-tax-tutelas-2013'>Tutelas 2013<\/a><\/div>\n<h4 class=\"pt-cv-title\"><a href=\"https:\/\/www.dmsjuridica.com\/buscador_20179478954\/corteconstitucionalcronologico202454587\/t-237-13\/\" class=\"_self\" target=\"_self\" >T-237-13<\/a><\/h4>\n<div class=\"pt-cv-content\">\u00a0 \u00a0 \u00a0 \u00a0 \u00a0 \u00a0T-237-13 \u00a0 \u00a0 \u00a0 \u00a0 \u00a0 \u00a0\u00a0 |\u00a0\u00a0\u00a0\u00a0\u00a0\u00a0\u00a0\u00a0 \u00a0 Sentencia T-237\/13 \u00a0 \u00a0 ACTUACION TEMERARIA Y COSA \u00a0 JUZGADA EN MATERIA DE TUTELA-Buscan evitar la presentaci\u00f3n sucesiva, adem\u00e1s \u00a0 de m\u00faltiple de las acciones de tutela \u00a0 \u00a0 ACTUACION TEMERARIA Y COSA \u00a0 JUZGADA EN MATERIA DE TUTELA-Configuraci\u00f3n \u00a0 \u00a0 Desde sus primeras sentencias, \u00a0 la Corte Constitucional ha sostenido que la proscripci\u00f3n de las acciones de \u00a0 tutelas temerarias encuentra sustento en los art\u00edculos 83 y 95 de la \u00a0 Constituci\u00f3n Pol\u00edtica, en los que se establecen los deberes de los particulares \u00a0 de ...<br \/><div class=\"pt-cv-rmwrap\"><a href=\"https:\/\/www.dmsjuridica.com\/buscador_20179478954\/corteconstitucionalcronologico202454587\/t-237-13\/\" class=\"_self pt-cv-readmore btn btn-success\" target=\"_self\">Ver Sentencia Completa...<\/a><\/div><\/div><\/div><\/div>\n<div class=\"col-md-12 col-sm-12 col-xs-12 pt-cv-content-item pt-cv-1-col\" ><div class='pt-cv-ifield'><a href=\"https:\/\/www.dmsjuridica.com\/buscador_20179478954\/corteconstitucionalcronologico202454587\/t-236a-13\/\" class=\"_self pt-cv-href-thumbnail pt-cv-thumb-default\" target=\"_self\" ><\/a>\n<div class=\"pt-cv-taxoterm above_title\"><a href='https:\/\/www.dmsjuridica.com\/buscador_20179478954\/corteconstitucionalcronologico202454587\/category\/buscar-en-toda-la-corte\/2013\/tutelas-2013\/' title='Tutelas 2013' class='pt-cv-tax-tutelas-2013'>Tutelas 2013<\/a><\/div>\n<h4 class=\"pt-cv-title\"><a href=\"https:\/\/www.dmsjuridica.com\/buscador_20179478954\/corteconstitucionalcronologico202454587\/t-236a-13\/\" class=\"_self\" target=\"_self\" >T-236A-13<\/a><\/h4>\n<div class=\"pt-cv-content\">\u00a0 \u00a0 \u00a0 \u00a0 \u00a0 \u00a0T-236A-13 \u00a0 \u00a0 \u00a0 \u00a0 \u00a0 \u00a0\u00a0 Sentencia T-236A\/13 \u00a0 \u00a0 EXONERACION DE COPAGOS Y CUOTAS DE RECUPERACION EN EL \u00a0 REGIMEN SUBSIDIADO DE SALUD-Reglas \u00a0jurisprudenciales \u00a0 \u00a0 El legislador consider\u00f3 procedente el cobro de las cuotas moderadoras y copagos, \u00a0 como mecanismo destinado a \u201cracionalizar el uso de servicios del sistema\u201d y a \u00a0 \u201cfinanciar los servicios recibidos\u201d. Con fundamento en esos preceptos, los \u00a0 jueces de tutela han amparado a aquellas personas a quienes los pagos \u00a0 moderadores, por su precaria condici\u00f3n econ\u00f3mica, representan un obst\u00e1culo para \u00a0 acceder a los servicios en ...<br \/><div class=\"pt-cv-rmwrap\"><a href=\"https:\/\/www.dmsjuridica.com\/buscador_20179478954\/corteconstitucionalcronologico202454587\/t-236a-13\/\" class=\"_self pt-cv-readmore btn btn-success\" target=\"_self\">Ver Sentencia Completa...<\/a><\/div><\/div><\/div><\/div>\n<div class=\"col-md-12 col-sm-12 col-xs-12 pt-cv-content-item pt-cv-1-col\" ><div class='pt-cv-ifield'><a href=\"https:\/\/www.dmsjuridica.com\/buscador_20179478954\/corteconstitucionalcronologico202454587\/t-236-13\/\" class=\"_self pt-cv-href-thumbnail pt-cv-thumb-default\" target=\"_self\" ><\/a>\n<div class=\"pt-cv-taxoterm above_title\"><a href='https:\/\/www.dmsjuridica.com\/buscador_20179478954\/corteconstitucionalcronologico202454587\/category\/buscar-en-toda-la-corte\/2013\/tutelas-2013\/' title='Tutelas 2013' class='pt-cv-tax-tutelas-2013'>Tutelas 2013<\/a><\/div>\n<h4 class=\"pt-cv-title\"><a href=\"https:\/\/www.dmsjuridica.com\/buscador_20179478954\/corteconstitucionalcronologico202454587\/t-236-13\/\" class=\"_self\" target=\"_self\" >T-236-13<\/a><\/h4>\n<div class=\"pt-cv-content\">\u00a0 \u00a0 \u00a0 \u00a0 \u00a0 \u00a0T-236-13 \u00a0 \u00a0 \u00a0 \u00a0 \u00a0 \u00a0\u00a0 Sentencia T-236\/13 \u00a0 \u00a0 ACCION DE \u00a0 TUTELA PARA TRASLADO DE DOCENTE-Procedencia excepcional por vulneraci\u00f3n de \u00a0 derechos del trabajador o su n\u00facleo familiar \u00a0 \u00a0 Cuando se \u00a0 trata de unos traslados solicitados por los docentes, es necesario tener en \u00a0 cuenta si la negativa de la entidad nominadora es arbitraria e injustificada \u00a0 frente a las razones planteadas por el interesado. De igual manera, en todos los \u00a0 casos ser\u00e1 menester que el statu quo que el empleador se niega a modificar cause \u00a0 una vulneraci\u00f3n ...<br \/><div class=\"pt-cv-rmwrap\"><a href=\"https:\/\/www.dmsjuridica.com\/buscador_20179478954\/corteconstitucionalcronologico202454587\/t-236-13\/\" class=\"_self pt-cv-readmore btn btn-success\" target=\"_self\">Ver Sentencia Completa...<\/a><\/div><\/div><\/div><\/div>\n<div class=\"col-md-12 col-sm-12 col-xs-12 pt-cv-content-item pt-cv-1-col\" ><div class='pt-cv-ifield'><a href=\"https:\/\/www.dmsjuridica.com\/buscador_20179478954\/corteconstitucionalcronologico202454587\/t-235-13\/\" class=\"_self pt-cv-href-thumbnail pt-cv-thumb-default\" target=\"_self\" ><\/a>\n<div class=\"pt-cv-taxoterm above_title\"><a href='https:\/\/www.dmsjuridica.com\/buscador_20179478954\/corteconstitucionalcronologico202454587\/category\/buscar-en-toda-la-corte\/2013\/tutelas-2013\/' title='Tutelas 2013' class='pt-cv-tax-tutelas-2013'>Tutelas 2013<\/a><\/div>\n<h4 class=\"pt-cv-title\"><a href=\"https:\/\/www.dmsjuridica.com\/buscador_20179478954\/corteconstitucionalcronologico202454587\/t-235-13\/\" class=\"_self\" target=\"_self\" >T-235-13<\/a><\/h4>\n<div class=\"pt-cv-content\">\u00a0 \u00a0 \u00a0 \u00a0 \u00a0 \u00a0T-235-13 \u00a0 \u00a0 \u00a0 \u00a0 \u00a0 \u00a0\u00a0 Sentencia T-235\/13 \u00a0 \u00a0\u00a0 DERECHO FUNDAMENTAL A LA VIVIENDA DIGNA DE POBLACION \u00a0 DESPLAZADA-Procedencia de la acci\u00f3n de \u00a0 tutela \u00a0 \u00a0 PACTO INTERNACIONAL DE DERECHOS ECONOMICOS, SOCIALES Y \u00a0 CULTURALES-Determinaci\u00f3n del derecho a \u00a0 la vivienda digna como fundamental \u00a0 \u00a0 DERECHO A LA VIVIENDA DIGNA-Fundamental aut\u00f3nomo \u00a0 \u00a0 En punto del derecho a la vivienda digna, la Sala debe reiterar su car\u00e1cter \u00a0 fundamental, b\u00e1sicamente porque constituye una innegable expresi\u00f3n de la \u00a0 dignidad humana y se vincula de manera directa con la concepci\u00f3n social del ...<br \/><div class=\"pt-cv-rmwrap\"><a href=\"https:\/\/www.dmsjuridica.com\/buscador_20179478954\/corteconstitucionalcronologico202454587\/t-235-13\/\" class=\"_self pt-cv-readmore btn btn-success\" target=\"_self\">Ver Sentencia Completa...<\/a><\/div><\/div><\/div><\/div>\n<div class=\"col-md-12 col-sm-12 col-xs-12 pt-cv-content-item pt-cv-1-col\" ><div class='pt-cv-ifield'><a href=\"https:\/\/www.dmsjuridica.com\/buscador_20179478954\/corteconstitucionalcronologico202454587\/t-234-13\/\" class=\"_self pt-cv-href-thumbnail pt-cv-thumb-default\" target=\"_self\" ><\/a>\n<div class=\"pt-cv-taxoterm above_title\"><a href='https:\/\/www.dmsjuridica.com\/buscador_20179478954\/corteconstitucionalcronologico202454587\/category\/buscar-en-toda-la-corte\/2013\/tutelas-2013\/' title='Tutelas 2013' class='pt-cv-tax-tutelas-2013'>Tutelas 2013<\/a><\/div>\n<h4 class=\"pt-cv-title\"><a href=\"https:\/\/www.dmsjuridica.com\/buscador_20179478954\/corteconstitucionalcronologico202454587\/t-234-13\/\" class=\"_self\" target=\"_self\" >T-234-13<\/a><\/h4>\n<div class=\"pt-cv-content\">\u00a0 \u00a0 \u00a0 \u00a0 \u00a0 \u00a0T-234-13 \u00a0 \u00a0 \u00a0 \u00a0 \u00a0 \u00a0\u00a0 Sentencia T-234\/13 \u00a0 \u00a0 LEY 1122\/07-Confiri\u00f3 \u00a0 a Superintendencia Nacional de Salud facultades jurisdiccionales para adelantar \u00a0 procedimientos que resuelvan controversias entre entidades promotoras de salud y \u00a0 usuarios \u00a0 \u00a0 FUNCION JURISDICCIONAL POR SUPERINTENDENCIA NACIONAL DE \u00a0 SALUD-Competencia procede siempre y \u00a0 cuando haya habido negativa por parte de las EPS para prestar servicios de salud \u00a0 \u00a0 DERECHO A LA CONTINUIDAD EN EL SERVICIO DE SALUD-Deber de las EPS de garantizar a los pacientes el \u00a0 acceso efectivo a los servicios de salud bajo los principios ...<br \/><div class=\"pt-cv-rmwrap\"><a href=\"https:\/\/www.dmsjuridica.com\/buscador_20179478954\/corteconstitucionalcronologico202454587\/t-234-13\/\" class=\"_self pt-cv-readmore btn btn-success\" target=\"_self\">Ver Sentencia Completa...<\/a><\/div><\/div><\/div><\/div>\n<div class=\"col-md-12 col-sm-12 col-xs-12 pt-cv-content-item pt-cv-1-col\" ><div class='pt-cv-ifield'><a href=\"https:\/\/www.dmsjuridica.com\/buscador_20179478954\/corteconstitucionalcronologico202454587\/t-233-13\/\" class=\"_self pt-cv-href-thumbnail pt-cv-thumb-default\" target=\"_self\" ><\/a>\n<div class=\"pt-cv-taxoterm above_title\"><a href='https:\/\/www.dmsjuridica.com\/buscador_20179478954\/corteconstitucionalcronologico202454587\/category\/buscar-en-toda-la-corte\/2013\/tutelas-2013\/' title='Tutelas 2013' class='pt-cv-tax-tutelas-2013'>Tutelas 2013<\/a><\/div>\n<h4 class=\"pt-cv-title\"><a href=\"https:\/\/www.dmsjuridica.com\/buscador_20179478954\/corteconstitucionalcronologico202454587\/t-233-13\/\" class=\"_self\" target=\"_self\" >T-233-13<\/a><\/h4>\n<div class=\"pt-cv-content\">\u00a0 \u00a0 \u00a0 \u00a0 \u00a0 \u00a0T-233-13 \u00a0 \u00a0 \u00a0 \u00a0 \u00a0 \u00a0\u00a0 Sentencia T-233\/13 \u00a0 \u00a0 LEGITIMACION EN LA CAUSA POR ACTIVA Y AGENCIA OFICIOSA \u00a0 EN LA ACCION DE TUTELA-Requisitos \u00a0 \u00a0 ACCION DE TUTELA PARA SOLICITAR FINALIZACION DE OBRA \u00a0 PUBLICA-Improcedencia por no afectar \u00a0 derechos fundamentales y por existir otro mecanismo de defensa judicial \u00a0 \u00a0 ACCION POPULAR Y ACCION DE CUMPLIMIENTO-Mecanismos id\u00f3neos para solicitar pavimentaci\u00f3n de \u00a0 calle \u00a0 \u00a0 Este Tribunal considera oportuno resaltar que existen \u00a0 otros mecanismos judiciales y administrativos para lograr el arreglo de la v\u00eda aleda\u00f1a a la vivienda de la ...<br \/><div class=\"pt-cv-rmwrap\"><a href=\"https:\/\/www.dmsjuridica.com\/buscador_20179478954\/corteconstitucionalcronologico202454587\/t-233-13\/\" class=\"_self pt-cv-readmore btn btn-success\" target=\"_self\">Ver Sentencia Completa...<\/a><\/div><\/div><\/div><\/div>\n<div class=\"col-md-12 col-sm-12 col-xs-12 pt-cv-content-item pt-cv-1-col\" ><div class='pt-cv-ifield'><a href=\"https:\/\/www.dmsjuridica.com\/buscador_20179478954\/corteconstitucionalcronologico202454587\/t-232-13\/\" class=\"_self pt-cv-href-thumbnail pt-cv-thumb-default\" target=\"_self\" ><\/a>\n<div class=\"pt-cv-taxoterm above_title\"><a href='https:\/\/www.dmsjuridica.com\/buscador_20179478954\/corteconstitucionalcronologico202454587\/category\/buscar-en-toda-la-corte\/2013\/tutelas-2013\/' title='Tutelas 2013' class='pt-cv-tax-tutelas-2013'>Tutelas 2013<\/a><\/div>\n<h4 class=\"pt-cv-title\"><a href=\"https:\/\/www.dmsjuridica.com\/buscador_20179478954\/corteconstitucionalcronologico202454587\/t-232-13\/\" class=\"_self\" target=\"_self\" >T-232-13<\/a><\/h4>\n<div class=\"pt-cv-content\">\u00a0 \u00a0 \u00a0 \u00a0 \u00a0 \u00a0T-232-13 \u00a0 \u00a0 \u00a0 \u00a0 \u00a0 \u00a0\u00a0 Sentencia T-232\/13 \u00a0 \u00a0 ACCION DE \u00a0 TUTELA Y PRINCIPIO DE SUBSIDIARIEDAD-Procedencia excepcional cuando exista \u00a0 perjuicio irremediable \u00a0 \u00a0 PRINCIPIO DE \u00a0 SUBSIDIARIEDAD-Excepciones \u00a0 \u00a0 ACCION DE \u00a0 TUTELA CONTRA ACTOS ADMINISTRATIVOS DE CARACTER PARTICULAR Y CONCRETO-Procedencia \u00a0 excepcional \u00a0 \u00a0 Por regla general la acci\u00f3n de tutela es improcedente \u00a0 cuando el ordenamiento jur\u00eddico dispone otro medio judicial para la defensa de \u00a0 los derechos fundamentales. En el caso de conflictos presentados a partir de un \u00a0 acto administrativo particular y concreto, el mecanismo ordinario de ...<br \/><div class=\"pt-cv-rmwrap\"><a href=\"https:\/\/www.dmsjuridica.com\/buscador_20179478954\/corteconstitucionalcronologico202454587\/t-232-13\/\" class=\"_self pt-cv-readmore btn btn-success\" target=\"_self\">Ver Sentencia Completa...<\/a><\/div><\/div><\/div><\/div>\n<div class=\"col-md-12 col-sm-12 col-xs-12 pt-cv-content-item pt-cv-1-col\" ><div class='pt-cv-ifield'><a href=\"https:\/\/www.dmsjuridica.com\/buscador_20179478954\/corteconstitucionalcronologico202454587\/t-231-13\/\" class=\"_self pt-cv-href-thumbnail pt-cv-thumb-default\" target=\"_self\" ><\/a>\n<div class=\"pt-cv-taxoterm above_title\"><a href='https:\/\/www.dmsjuridica.com\/buscador_20179478954\/corteconstitucionalcronologico202454587\/category\/buscar-en-toda-la-corte\/2013\/tutelas-2013\/' title='Tutelas 2013' class='pt-cv-tax-tutelas-2013'>Tutelas 2013<\/a><\/div>\n<h4 class=\"pt-cv-title\"><a href=\"https:\/\/www.dmsjuridica.com\/buscador_20179478954\/corteconstitucionalcronologico202454587\/t-231-13\/\" class=\"_self\" target=\"_self\" >T-231-13<\/a><\/h4>\n<div class=\"pt-cv-content\">Sentencia T-231\/13 \u00a0 \u00a0 ACCION DE \u00a0 TUTELA CONTRA LA REGISTRADURIA NACIONAL-Caso en que no se expide c\u00e9dula de \u00a0 ciudadan\u00eda por cuanto figura en el Registro Civil de Nacimiento como sexo \u00a0 femenino cuando corresponde a masculino \u00a0 \u00a0 Para definir la procedencia de la acci\u00f3n de tutela en el \u00a0 presente caso, se ha de tener en consideraci\u00f3n que en el registro civil de los \u00a0 accionantes el sexo con el que fueron inscritos es el femenino, y que, seg\u00fan \u00a0 afirman, y se deduce del material probatorio allegado al proceso su sexo es \u00a0 masculino. En procura ...<br \/><div class=\"pt-cv-rmwrap\"><a href=\"https:\/\/www.dmsjuridica.com\/buscador_20179478954\/corteconstitucionalcronologico202454587\/t-231-13\/\" class=\"_self pt-cv-readmore btn btn-success\" target=\"_self\">Ver Sentencia Completa...<\/a><\/div><\/div><\/div><\/div>\n<div class=\"col-md-12 col-sm-12 col-xs-12 pt-cv-content-item pt-cv-1-col\" ><div class='pt-cv-ifield'><a href=\"https:\/\/www.dmsjuridica.com\/buscador_20179478954\/corteconstitucionalcronologico202454587\/t-230-13\/\" class=\"_self pt-cv-href-thumbnail pt-cv-thumb-default\" target=\"_self\" ><\/a>\n<div class=\"pt-cv-taxoterm above_title\"><a href='https:\/\/www.dmsjuridica.com\/buscador_20179478954\/corteconstitucionalcronologico202454587\/category\/buscar-en-toda-la-corte\/2013\/tutelas-2013\/' title='Tutelas 2013' class='pt-cv-tax-tutelas-2013'>Tutelas 2013<\/a><\/div>\n<h4 class=\"pt-cv-title\"><a href=\"https:\/\/www.dmsjuridica.com\/buscador_20179478954\/corteconstitucionalcronologico202454587\/t-230-13\/\" class=\"_self\" target=\"_self\" >T-230-13<\/a><\/h4>\n<div class=\"pt-cv-content\">\u00a0 \u00a0 \u00a0 \u00a0 \u00a0 \u00a0T-230-13 \u00a0 \u00a0 \u00a0 \u00a0 \u00a0 \u00a0\u00a0 Sentencia T-230\/13 \u00a0 \u00a0 PERJUICIO IRREMEDIABLE-Criterios para determinar su configuraci\u00f3n \u00a0 \u00a0 Para determinar la configuraci\u00f3n de un perjuicio irremediable, en criterio de \u00a0 este Tribunal, deben concurrir los \u00a0 siguientes elementos: (i) el perjuicio ha de ser inminente, es decir, que est\u00e1 \u00a0 por suceder; (ii) las medidas que se requieren para conjurarlo han de ser \u00a0 urgentes; (iii) el perjuicio debe ser grave, esto es, susceptible de generar un \u00a0 da\u00f1o transcendente en el haber jur\u00eddico de una persona; y (iv) exige una \u00a0 respuesta impostergable ...<br \/><div class=\"pt-cv-rmwrap\"><a href=\"https:\/\/www.dmsjuridica.com\/buscador_20179478954\/corteconstitucionalcronologico202454587\/t-230-13\/\" class=\"_self pt-cv-readmore btn btn-success\" target=\"_self\">Ver Sentencia Completa...<\/a><\/div><\/div><\/div><\/div>\n<div class=\"col-md-12 col-sm-12 col-xs-12 pt-cv-content-item pt-cv-1-col\" ><div class='pt-cv-ifield'><a href=\"https:\/\/www.dmsjuridica.com\/buscador_20179478954\/corteconstitucionalcronologico202454587\/t-229-13\/\" class=\"_self pt-cv-href-thumbnail pt-cv-thumb-default\" target=\"_self\" ><\/a>\n<div class=\"pt-cv-taxoterm above_title\"><a href='https:\/\/www.dmsjuridica.com\/buscador_20179478954\/corteconstitucionalcronologico202454587\/category\/buscar-en-toda-la-corte\/2013\/tutelas-2013\/' title='Tutelas 2013' class='pt-cv-tax-tutelas-2013'>Tutelas 2013<\/a><\/div>\n<h4 class=\"pt-cv-title\"><a href=\"https:\/\/www.dmsjuridica.com\/buscador_20179478954\/corteconstitucionalcronologico202454587\/t-229-13\/\" class=\"_self\" target=\"_self\" >T-229-13<\/a><\/h4>\n<div class=\"pt-cv-content\">\u00a0 \u00a0 \u00a0 \u00a0 \u00a0 \u00a0T-229-13 \u00a0 \u00a0 \u00a0 \u00a0 \u00a0 \u00a0\u00a0 Sentencia T-229\/13 \u00a0 \u00a0 TEMERIDAD EN \u00a0 LA ACCION DE TUTELA-Reiteraci\u00f3n de jurisprudencia \u00a0 \u00a0 La jurisprudencia de esta \u00a0 Corporaci\u00f3n, en varios pronunciamientos, se ha referido a la figura de la \u00a0 temeridad. En ellos, ha mencionado su importancia para precaver el uso desmedido \u00a0 e irracional de la acci\u00f3n de tutela, el cual incide negativamente en su \u00a0 efectividad y en la celeridad de la Administraci\u00f3n de Justicia. Por ello, la \u00a0 consecuencia procesal de la temeridad, como lo es la declaratoria de \u00a0 improcedencia, se ...<br \/><div class=\"pt-cv-rmwrap\"><a href=\"https:\/\/www.dmsjuridica.com\/buscador_20179478954\/corteconstitucionalcronologico202454587\/t-229-13\/\" class=\"_self pt-cv-readmore btn btn-success\" target=\"_self\">Ver Sentencia Completa...<\/a><\/div><\/div><\/div><\/div>\n<div class=\"col-md-12 col-sm-12 col-xs-12 pt-cv-content-item pt-cv-1-col\" ><div class='pt-cv-ifield'><a href=\"https:\/\/www.dmsjuridica.com\/buscador_20179478954\/corteconstitucionalcronologico202454587\/t-228a-13\/\" class=\"_self pt-cv-href-thumbnail pt-cv-thumb-default\" target=\"_self\" ><\/a>\n<div class=\"pt-cv-taxoterm above_title\"><a href='https:\/\/www.dmsjuridica.com\/buscador_20179478954\/corteconstitucionalcronologico202454587\/category\/buscar-en-toda-la-corte\/2013\/tutelas-2013\/' title='Tutelas 2013' class='pt-cv-tax-tutelas-2013'>Tutelas 2013<\/a><\/div>\n<h4 class=\"pt-cv-title\"><a href=\"https:\/\/www.dmsjuridica.com\/buscador_20179478954\/corteconstitucionalcronologico202454587\/t-228a-13\/\" class=\"_self\" target=\"_self\" >T-228A-13<\/a><\/h4>\n<div class=\"pt-cv-content\">\u00a0 \u00a0 \u00a0 \u00a0 \u00a0 \u00a0T-228A-13 \u00a0 \u00a0 \u00a0 \u00a0 \u00a0 \u00a0\u00a0 Sentencia T-228A\/13 \u00a0 \u00a0 DERECHO A LA \u00a0 INDEXACION DE LA PRIMERA MESADA PENSIONAL EN SITUACIONES ANTERIORES A LA \u00a0 EXPEDICION DE LA CONSTITUCION DE 1991-Precedente fijado en sentencia \u00a0 SU.1073\/12 \u00a0 \u00a0 DERECHO A LA \u00a0 IGUALDAD EN MATERIA JUDICIAL-Para su aplicaci\u00f3n concreta autoridades deben \u00a0 otorgar id\u00e9ntica protecci\u00f3n, trato y definici\u00f3n a quienes se encuentren en \u00a0 similares situaciones de hecho como condici\u00f3n sine qua non \u00a0 \u00a0 Est\u00e1 claro \u00a0 que la igualdad exige, como condici\u00f3n sine qua non para su aplicaci\u00f3n concreta, \u00a0 que ...<br \/><div class=\"pt-cv-rmwrap\"><a href=\"https:\/\/www.dmsjuridica.com\/buscador_20179478954\/corteconstitucionalcronologico202454587\/t-228a-13\/\" class=\"_self pt-cv-readmore btn btn-success\" target=\"_self\">Ver Sentencia Completa...<\/a><\/div><\/div><\/div><\/div>\n<div class=\"col-md-12 col-sm-12 col-xs-12 pt-cv-content-item pt-cv-1-col\" ><div class='pt-cv-ifield'><a href=\"https:\/\/www.dmsjuridica.com\/buscador_20179478954\/corteconstitucionalcronologico202454587\/t-228-13\/\" class=\"_self pt-cv-href-thumbnail pt-cv-thumb-default\" target=\"_self\" ><\/a>\n<div class=\"pt-cv-taxoterm above_title\"><a href='https:\/\/www.dmsjuridica.com\/buscador_20179478954\/corteconstitucionalcronologico202454587\/category\/buscar-en-toda-la-corte\/2013\/tutelas-2013\/' title='Tutelas 2013' class='pt-cv-tax-tutelas-2013'>Tutelas 2013<\/a><\/div>\n<h4 class=\"pt-cv-title\"><a href=\"https:\/\/www.dmsjuridica.com\/buscador_20179478954\/corteconstitucionalcronologico202454587\/t-228-13\/\" class=\"_self\" target=\"_self\" >T-228-13<\/a><\/h4>\n<div class=\"pt-cv-content\">\u00a0 \u00a0 \u00a0 \u00a0 \u00a0 \u00a0T-228-13 \u00a0 \u00a0 \u00a0 \u00a0 \u00a0 \u00a0\u00a0 Sentencia T-228\/13 \u00a0 \u00a0 DERECHO A LA \u00a0 SALUD Y ESPECIAL PROTECCION DE PERSONAS PORTADORAS DEL VIH\/SIDA-Reiteraci\u00f3n \u00a0 de jurisprudencia \u00a0 \u00a0 ENFERMO DE \u00a0 SIDA-Sujeto de especial protecci\u00f3n tanto en el orden constitucional interno \u00a0 como en el plano internacional \u00a0 \u00a0 El derecho fundamental a la salud de los enfermos \u00a0 de VIH y SIDA recibe doble protecci\u00f3n, en los \u00e1mbitos interno e internacional, \u00a0 siempre en procura de que el tratamiento que se requiere no s\u00f3lo sea integral \u00a0 sino tambi\u00e9n continuo y oportuno. \u00a0 ...<br \/><div class=\"pt-cv-rmwrap\"><a href=\"https:\/\/www.dmsjuridica.com\/buscador_20179478954\/corteconstitucionalcronologico202454587\/t-228-13\/\" class=\"_self pt-cv-readmore btn btn-success\" target=\"_self\">Ver Sentencia Completa...<\/a><\/div><\/div><\/div><\/div>\n<div class=\"col-md-12 col-sm-12 col-xs-12 pt-cv-content-item pt-cv-1-col\" ><div class='pt-cv-ifield'><a href=\"https:\/\/www.dmsjuridica.com\/buscador_20179478954\/corteconstitucionalcronologico202454587\/t-219-13\/\" class=\"_self pt-cv-href-thumbnail pt-cv-thumb-default\" target=\"_self\" ><\/a>\n<div class=\"pt-cv-taxoterm above_title\"><a href='https:\/\/www.dmsjuridica.com\/buscador_20179478954\/corteconstitucionalcronologico202454587\/category\/buscar-en-toda-la-corte\/2013\/tutelas-2013\/' title='Tutelas 2013' class='pt-cv-tax-tutelas-2013'>Tutelas 2013<\/a><\/div>\n<h4 class=\"pt-cv-title\"><a href=\"https:\/\/www.dmsjuridica.com\/buscador_20179478954\/corteconstitucionalcronologico202454587\/t-219-13\/\" class=\"_self\" target=\"_self\" >T-219-13<\/a><\/h4>\n<div class=\"pt-cv-content\">\u00a0 \u00a0 \u00a0 \u00a0 \u00a0 \u00a0T-219-13 \u00a0 \u00a0 \u00a0 \u00a0 \u00a0 \u00a0\u00a0 Sentencia T-219\/13 \u00a0 \u00a0 ACCION DE TUTELA CONTRA PROVIDENCIAS JUDICIALES-Reiteraci\u00f3n de jurisprudencia sobre procedencia \u00a0 excepcional \u00a0 \u00a0 ACCION DE TUTELA CONTRA PROVIDENCIAS JUDICIALES-Reglas de procedencia y procedibilidad conforme a la \u00a0 sentencia C-590\/05 \u00a0 \u00a0 En la Sentencia C-590 de \u00a0 2005, la Corte distingui\u00f3 entre requisitos generales y causales espec\u00edficas de \u00a0 procedibilidad. En cuanto a los primeros, tambi\u00e9n denominados requisitos \u00a0 formales, debe decirse que son aquellos presupuestos cuyo cumplimiento habilitan \u00a0 al juez de tutela para que pueda entrar a evaluar, en el caso ...<br \/><div class=\"pt-cv-rmwrap\"><a href=\"https:\/\/www.dmsjuridica.com\/buscador_20179478954\/corteconstitucionalcronologico202454587\/t-219-13\/\" class=\"_self pt-cv-readmore btn btn-success\" target=\"_self\">Ver Sentencia Completa...<\/a><\/div><\/div><\/div><\/div>\n<div class=\"col-md-12 col-sm-12 col-xs-12 pt-cv-content-item pt-cv-1-col\" ><div class='pt-cv-ifield'><a href=\"https:\/\/www.dmsjuridica.com\/buscador_20179478954\/corteconstitucionalcronologico202454587\/t-218-13\/\" class=\"_self pt-cv-href-thumbnail pt-cv-thumb-default\" target=\"_self\" ><\/a>\n<div class=\"pt-cv-taxoterm above_title\"><a href='https:\/\/www.dmsjuridica.com\/buscador_20179478954\/corteconstitucionalcronologico202454587\/category\/buscar-en-toda-la-corte\/2013\/tutelas-2013\/' title='Tutelas 2013' class='pt-cv-tax-tutelas-2013'>Tutelas 2013<\/a><\/div>\n<h4 class=\"pt-cv-title\"><a href=\"https:\/\/www.dmsjuridica.com\/buscador_20179478954\/corteconstitucionalcronologico202454587\/t-218-13\/\" class=\"_self\" target=\"_self\" >T-218-13<\/a><\/h4>\n<div class=\"pt-cv-content\">\u00a0 \u00a0 \u00a0 \u00a0 \u00a0 \u00a0T-218-13 \u00a0 \u00a0 \u00a0 \u00a0 \u00a0 \u00a0\u00a0 Sentencia T-218\/13 \u00a0 \u00a0 AGENCIA OFICIOSA \u00a0 EN TUTELA-Elementos\/AGENCIA \u00a0 OFICIOSA EN TUTELA-Abuela en representaci\u00f3n de menor \u00a0 \u00a0 La Corte ha se\u00f1alado que los elementos de la agencia oficiosa en materia de \u00a0 tutela son: i) la necesidad de que el agente oficioso manifieste expl\u00edcitamente \u00a0 que est\u00e1 actuando como tal, y ii) que el titular de los derechos invocados no se \u00a0 encuentre en condiciones para instaurar la acci\u00f3n de tutela a nombre propio. De \u00a0 all\u00ed que, en diversos casos, se hayan considerado improcedentes las ...<br \/><div class=\"pt-cv-rmwrap\"><a href=\"https:\/\/www.dmsjuridica.com\/buscador_20179478954\/corteconstitucionalcronologico202454587\/t-218-13\/\" class=\"_self pt-cv-readmore btn btn-success\" target=\"_self\">Ver Sentencia Completa...<\/a><\/div><\/div><\/div><\/div>\n<div class=\"col-md-12 col-sm-12 col-xs-12 pt-cv-content-item pt-cv-1-col\" ><div class='pt-cv-ifield'><a href=\"https:\/\/www.dmsjuridica.com\/buscador_20179478954\/corteconstitucionalcronologico202454587\/t-217-13\/\" class=\"_self pt-cv-href-thumbnail pt-cv-thumb-default\" target=\"_self\" ><\/a>\n<div class=\"pt-cv-taxoterm above_title\"><a href='https:\/\/www.dmsjuridica.com\/buscador_20179478954\/corteconstitucionalcronologico202454587\/category\/buscar-en-toda-la-corte\/2013\/tutelas-2013\/' title='Tutelas 2013' class='pt-cv-tax-tutelas-2013'>Tutelas 2013<\/a><\/div>\n<h4 class=\"pt-cv-title\"><a href=\"https:\/\/www.dmsjuridica.com\/buscador_20179478954\/corteconstitucionalcronologico202454587\/t-217-13\/\" class=\"_self\" target=\"_self\" >T-217-13<\/a><\/h4>\n<div class=\"pt-cv-content\">\u00a0 \u00a0 \u00a0 \u00a0 \u00a0 \u00a0T-217-13 \u00a0 \u00a0 \u00a0 \u00a0 \u00a0 \u00a0\u00a0 Sentencia T-217\/13 \u00a0 \u00a0 ACCION DE TUTELA CONTRA PROVIDENCIAS JUDICIALES-Reiteraci\u00f3n de jurisprudencia sobre requisitos \u00a0 generales y especiales de procedibilidad \u00a0 \u00a0 La acci\u00f3n de tutela, como mecanismo de protecci\u00f3n inmediata de los derechos \u00a0 fundamentales, procede excepcionalmente para controvertir el sentido y alcance \u00a0 de las decisiones judiciales, siempre que (i) se cumplan los requisitos \u00a0 generales de procedibilidad, (ii) se advierta que la providencia cuestionada \u00a0 incurri\u00f3 en una o varias de las causales espec\u00edficas, y (iii) se determine que \u00a0 el vicio o defecto es ...<br \/><div class=\"pt-cv-rmwrap\"><a href=\"https:\/\/www.dmsjuridica.com\/buscador_20179478954\/corteconstitucionalcronologico202454587\/t-217-13\/\" class=\"_self pt-cv-readmore btn btn-success\" target=\"_self\">Ver Sentencia Completa...<\/a><\/div><\/div><\/div><\/div>\n<div class=\"col-md-12 col-sm-12 col-xs-12 pt-cv-content-item pt-cv-1-col\" ><div class='pt-cv-ifield'><a href=\"https:\/\/www.dmsjuridica.com\/buscador_20179478954\/corteconstitucionalcronologico202454587\/t-216-13\/\" class=\"_self pt-cv-href-thumbnail pt-cv-thumb-default\" target=\"_self\" ><\/a>\n<div class=\"pt-cv-taxoterm above_title\"><a href='https:\/\/www.dmsjuridica.com\/buscador_20179478954\/corteconstitucionalcronologico202454587\/category\/buscar-en-toda-la-corte\/2013\/tutelas-2013\/' title='Tutelas 2013' class='pt-cv-tax-tutelas-2013'>Tutelas 2013<\/a><\/div>\n<h4 class=\"pt-cv-title\"><a href=\"https:\/\/www.dmsjuridica.com\/buscador_20179478954\/corteconstitucionalcronologico202454587\/t-216-13\/\" class=\"_self\" target=\"_self\" >T-216-13<\/a><\/h4>\n<div class=\"pt-cv-content\">\u00a0 \u00a0 \u00a0 \u00a0 \u00a0 \u00a0T-216-13 \u00a0 \u00a0 \u00a0 \u00a0 \u00a0 \u00a0\u00a0 Sentencia \u00a0 T-216\/13 \u00a0 \u00a0 La regla \u00a0 general establece que para el cumplimiento de las providencias judiciales, \u00a0 existen otros mecanismos judiciales a los cuales se debe acudir antes de acceder \u00a0 a la jurisdicci\u00f3n constitucional -como ejemplo de lo expuesto se evidencian los \u00a0 procesos ejecutivos que proceden para reclamar obligaciones claras, expresas y \u00a0 exigibles-. Sin embargo, en caso de que la obligaci\u00f3n sea de hacer, la \u00a0 jurisprudencia constitucional ha sido reiterativa en determinar que no ha de \u00a0 exigirse el principio de subsidiaridad ...<br \/><div class=\"pt-cv-rmwrap\"><a href=\"https:\/\/www.dmsjuridica.com\/buscador_20179478954\/corteconstitucionalcronologico202454587\/t-216-13\/\" class=\"_self pt-cv-readmore btn btn-success\" target=\"_self\">Ver Sentencia Completa...<\/a><\/div><\/div><\/div><\/div>\n<div class=\"col-md-12 col-sm-12 col-xs-12 pt-cv-content-item pt-cv-1-col\" ><div class='pt-cv-ifield'><a href=\"https:\/\/www.dmsjuridica.com\/buscador_20179478954\/corteconstitucionalcronologico202454587\/t-215-13\/\" class=\"_self pt-cv-href-thumbnail pt-cv-thumb-default\" target=\"_self\" ><\/a>\n<div class=\"pt-cv-taxoterm above_title\"><a href='https:\/\/www.dmsjuridica.com\/buscador_20179478954\/corteconstitucionalcronologico202454587\/category\/buscar-en-toda-la-corte\/2013\/tutelas-2013\/' title='Tutelas 2013' class='pt-cv-tax-tutelas-2013'>Tutelas 2013<\/a><\/div>\n<h4 class=\"pt-cv-title\"><a href=\"https:\/\/www.dmsjuridica.com\/buscador_20179478954\/corteconstitucionalcronologico202454587\/t-215-13\/\" class=\"_self\" target=\"_self\" >T-215-13<\/a><\/h4>\n<div class=\"pt-cv-content\">\u00a0 \u00a0 \u00a0 \u00a0 \u00a0 \u00a0T-215-13 \u00a0 \u00a0 \u00a0 \u00a0 \u00a0 \u00a0\u00a0 Sentencia T-215\/13 \u00a0 \u00a0 ACCION DE \u00a0 TUTELA CONTRA PROVIDENCIAS JUDICIALES-Reiteraci\u00f3n de jurisprudencia sobre \u00a0 procedencia excepcional \u00a0 \u00a0 ACCION DE \u00a0 TUTELA CONTRA PROVIDENCIAS JUDICIALES-Requisitos generales y especiales de \u00a0 procedibilidad \u00a0 \u00a0 ACCION DE \u00a0 TUTELA CONTRA AUTO INTERLOCUTORIO-Procedencia excepcional \u00a0 \u00a0 El concepto de providencia \u00a0 judicial en el marco de la doctrina de la procedencia de la acci\u00f3n de tutela \u00a0 contra providencias judiciales, comprende tanto las sentencias como los autos \u00a0 que son proferidos por las autoridades judiciales. Sin embargo, en materia de ...<br \/><div class=\"pt-cv-rmwrap\"><a href=\"https:\/\/www.dmsjuridica.com\/buscador_20179478954\/corteconstitucionalcronologico202454587\/t-215-13\/\" class=\"_self pt-cv-readmore btn btn-success\" target=\"_self\">Ver Sentencia Completa...<\/a><\/div><\/div><\/div><\/div>\n<div class=\"col-md-12 col-sm-12 col-xs-12 pt-cv-content-item pt-cv-1-col\" ><div class='pt-cv-ifield'><a href=\"https:\/\/www.dmsjuridica.com\/buscador_20179478954\/corteconstitucionalcronologico202454587\/t-214-13\/\" class=\"_self pt-cv-href-thumbnail pt-cv-thumb-default\" target=\"_self\" ><\/a>\n<div class=\"pt-cv-taxoterm above_title\"><a href='https:\/\/www.dmsjuridica.com\/buscador_20179478954\/corteconstitucionalcronologico202454587\/category\/buscar-en-toda-la-corte\/2013\/tutelas-2013\/' title='Tutelas 2013' class='pt-cv-tax-tutelas-2013'>Tutelas 2013<\/a><\/div>\n<h4 class=\"pt-cv-title\"><a href=\"https:\/\/www.dmsjuridica.com\/buscador_20179478954\/corteconstitucionalcronologico202454587\/t-214-13\/\" class=\"_self\" target=\"_self\" >T-214-13<\/a><\/h4>\n<div class=\"pt-cv-content\">\u00a0 \u00a0 \u00a0 \u00a0 \u00a0 \u00a0T-214-13 \u00a0 \u00a0 \u00a0 \u00a0 \u00a0 \u00a0\u00a0 Sentencia T-214\/13 \u00a0 \u00a0 El derecho fundamental a la \u00a0 salud, entendido como la facultad del ser humano de mantener la normalidad \u00a0 org\u00e1nica funcional, f\u00edsica y mental, que de acuerdo al compromiso internacional \u00a0 asumido por Colombia, se debe garantizar su disfrute en el m\u00e1s alto nivel \u00a0 posible y tomar medidas como la de facilitar su acceso igual y oportuno a los \u00a0 servicios b\u00e1sicos preventivos, curativos y de rehabilitaci\u00f3n, entre otros. \u00a0 \u00a0 PRINCIPIO DE \u00a0 CONTINUIDAD EN LA PRESTACION DEL SERVICIO DE SALUD-Caso en ...<br \/><div class=\"pt-cv-rmwrap\"><a href=\"https:\/\/www.dmsjuridica.com\/buscador_20179478954\/corteconstitucionalcronologico202454587\/t-214-13\/\" class=\"_self pt-cv-readmore btn btn-success\" target=\"_self\">Ver Sentencia Completa...<\/a><\/div><\/div><\/div><\/div>\n<div class=\"col-md-12 col-sm-12 col-xs-12 pt-cv-content-item pt-cv-1-col\" ><div class='pt-cv-ifield'><a href=\"https:\/\/www.dmsjuridica.com\/buscador_20179478954\/corteconstitucionalcronologico202454587\/t-213-13\/\" class=\"_self pt-cv-href-thumbnail pt-cv-thumb-default\" target=\"_self\" ><\/a>\n<div class=\"pt-cv-taxoterm above_title\"><a href='https:\/\/www.dmsjuridica.com\/buscador_20179478954\/corteconstitucionalcronologico202454587\/category\/buscar-en-toda-la-corte\/2013\/tutelas-2013\/' title='Tutelas 2013' class='pt-cv-tax-tutelas-2013'>Tutelas 2013<\/a><\/div>\n<h4 class=\"pt-cv-title\"><a href=\"https:\/\/www.dmsjuridica.com\/buscador_20179478954\/corteconstitucionalcronologico202454587\/t-213-13\/\" class=\"_self\" target=\"_self\" >T-213-13<\/a><\/h4>\n<div class=\"pt-cv-content\">Sentencia T-213\/13 \u00a0 \u00a0 CARENCIA \u00a0 ACTUAL DE OBJETO POR HECHO SUPERADO-Conciliaci\u00f3n entre esposa y compa\u00f1era \u00a0 permanente para recibir 50% para cada una en solicitud de pensi\u00f3n de \u00a0 sobrevivientes \u00a0 \u00a0 Referencia: \u00a0 expediente T- 3.477.037 \u00a0 \u00a0 \u00a0\u00a0 \u00a0 \u00a0 Acci\u00f3n de tutela instaurada por Isabel Gonz\u00e1lez de Vel\u00e1squez contra el \u00a0 Instituto de Seguros Sociales (hoy Colpensiones) \u00a0 \u00a0 Magistrado Ponente: \u00a0 \u00a0 LUIS ERNESTO VARGAS SILVA \u00a0 \u00a0 Bogot\u00e1, D.C., quince (15) de abril \u00a0 de dos mil trece (2013) \u00a0 \u00a0 La \u00a0 Sala Novena de Revisi\u00f3n de la Corte Constitucional, integrada por la ...<br \/><div class=\"pt-cv-rmwrap\"><a href=\"https:\/\/www.dmsjuridica.com\/buscador_20179478954\/corteconstitucionalcronologico202454587\/t-213-13\/\" class=\"_self pt-cv-readmore btn btn-success\" target=\"_self\">Ver Sentencia Completa...<\/a><\/div><\/div><\/div><\/div>\n<div class=\"col-md-12 col-sm-12 col-xs-12 pt-cv-content-item pt-cv-1-col\" ><div class='pt-cv-ifield'><a href=\"https:\/\/www.dmsjuridica.com\/buscador_20179478954\/corteconstitucionalcronologico202454587\/t-212-13\/\" class=\"_self pt-cv-href-thumbnail pt-cv-thumb-default\" target=\"_self\" ><\/a>\n<div class=\"pt-cv-taxoterm above_title\"><a href='https:\/\/www.dmsjuridica.com\/buscador_20179478954\/corteconstitucionalcronologico202454587\/category\/buscar-en-toda-la-corte\/2013\/tutelas-2013\/' title='Tutelas 2013' class='pt-cv-tax-tutelas-2013'>Tutelas 2013<\/a><\/div>\n<h4 class=\"pt-cv-title\"><a href=\"https:\/\/www.dmsjuridica.com\/buscador_20179478954\/corteconstitucionalcronologico202454587\/t-212-13\/\" class=\"_self\" target=\"_self\" >T-212-13<\/a><\/h4>\n<div class=\"pt-cv-content\">\u00a0 \u00a0 \u00a0 \u00a0 \u00a0 \u00a0T-212-13 \u00a0 \u00a0 \u00a0 \u00a0 \u00a0 \u00a0\u00a0 Sentencia T-212\/13 \u00a0 \u00a0 DERECHO A LA PERSONALIDAD JURIDICA DEL NI\u00d1O-Fundamental \u00a0 \u00a0 Es obligaci\u00f3n del Estado remover aquellos obst\u00e1culos que impidan el ejercicio de \u00a0 los derechos fundamentales de los menores de edad, particularmente si estas \u00a0 barreras constituyen meros formalismos, que nada aportan al ejercicio eficaz de \u00a0 los derechos y, por el contrario, lo entorpecen, con mayor exposici\u00f3n a \u00a0 condiciones de vulnerabilidad, que es precisamente lo que proscribe la carta \u00a0 fundamental. \u00a0 \u00a0 NACIONALIDAD Y REGISTRO CIVIL DEL NACIDO EN EL EXTERIOR-Caso de ...<br \/><div class=\"pt-cv-rmwrap\"><a href=\"https:\/\/www.dmsjuridica.com\/buscador_20179478954\/corteconstitucionalcronologico202454587\/t-212-13\/\" class=\"_self pt-cv-readmore btn btn-success\" target=\"_self\">Ver Sentencia Completa...<\/a><\/div><\/div><\/div><\/div>\n<div class=\"col-md-12 col-sm-12 col-xs-12 pt-cv-content-item pt-cv-1-col\" ><div class='pt-cv-ifield'><a href=\"https:\/\/www.dmsjuridica.com\/buscador_20179478954\/corteconstitucionalcronologico202454587\/t-211-13\/\" class=\"_self pt-cv-href-thumbnail pt-cv-thumb-default\" target=\"_self\" ><\/a>\n<div class=\"pt-cv-taxoterm above_title\"><a href='https:\/\/www.dmsjuridica.com\/buscador_20179478954\/corteconstitucionalcronologico202454587\/category\/buscar-en-toda-la-corte\/2013\/tutelas-2013\/' title='Tutelas 2013' class='pt-cv-tax-tutelas-2013'>Tutelas 2013<\/a><\/div>\n<h4 class=\"pt-cv-title\"><a href=\"https:\/\/www.dmsjuridica.com\/buscador_20179478954\/corteconstitucionalcronologico202454587\/t-211-13\/\" class=\"_self\" target=\"_self\" >T-211-13<\/a><\/h4>\n<div class=\"pt-cv-content\">\u00a0 \u00a0 \u00a0 \u00a0 \u00a0 \u00a0T-211-13 \u00a0 \u00a0 \u00a0 \u00a0 \u00a0 \u00a0\u00a0 Sentencia T-211\/13 \u00a0 \u00a0 ACCION DE \u00a0 TUTELA CONTRA PROVIDENCIAS JUDICIALES-Procedencia excepcional para la \u00a0 protecci\u00f3n de derechos fundamentales \u00a0 \u00a0 PRECEDENTE \u00a0 CONSTITUCIONAL-Car\u00e1cter vinculante\/PRECEDENTE Y RATIO DECIDENDI-Relaci\u00f3n \u00a0 \u00a0 PRINCIPIO DE \u00a0 PROGRESIVIDAD EN MATERIA DE SEGURIDAD SOCIAL Y REQUISITO DE FIDELIDAD AL SISTEMA \u00a0 \u00a0 El principio de progresividad, definido como una carga impuesta al \u00a0 Estado por la Constituci\u00f3n Pol\u00edtica y por diferentes instrumentos \u00a0 internacionales, consiste en propender hacia reformas cada vez m\u00e1s incluyentes y \u00a0 que ampl\u00eden los niveles de cobertura y calidad ...<br \/><div class=\"pt-cv-rmwrap\"><a href=\"https:\/\/www.dmsjuridica.com\/buscador_20179478954\/corteconstitucionalcronologico202454587\/t-211-13\/\" class=\"_self pt-cv-readmore btn btn-success\" target=\"_self\">Ver Sentencia Completa...<\/a><\/div><\/div><\/div><\/div>\n<div class=\"col-md-12 col-sm-12 col-xs-12 pt-cv-content-item pt-cv-1-col\" ><div class='pt-cv-ifield'><a href=\"https:\/\/www.dmsjuridica.com\/buscador_20179478954\/corteconstitucionalcronologico202454587\/t-210-13\/\" class=\"_self pt-cv-href-thumbnail pt-cv-thumb-default\" target=\"_self\" ><\/a>\n<div class=\"pt-cv-taxoterm above_title\"><a href='https:\/\/www.dmsjuridica.com\/buscador_20179478954\/corteconstitucionalcronologico202454587\/category\/buscar-en-toda-la-corte\/2013\/tutelas-2013\/' title='Tutelas 2013' class='pt-cv-tax-tutelas-2013'>Tutelas 2013<\/a><\/div>\n<h4 class=\"pt-cv-title\"><a href=\"https:\/\/www.dmsjuridica.com\/buscador_20179478954\/corteconstitucionalcronologico202454587\/t-210-13\/\" class=\"_self\" target=\"_self\" >T-210-13<\/a><\/h4>\n<div class=\"pt-cv-content\">\u00a0 \u00a0 \u00a0 \u00a0 \u00a0 \u00a0T-210-13 \u00a0 \u00a0 \u00a0 \u00a0 \u00a0 \u00a0\u00a0 Sentencia \u00a0 T-210\/13 \u00a0 \u00a0 ACCION DE TUTELA PARA \u00a0 OBTENER INCLUSION EN EL SISTEMA DE SEGURIDAD SOCIAL DE LAS FUERZAS MILITARES Y \u00a0 POLICIA NACIONAL-Reiteraci\u00f3n de jurisprudencia sobre \u00a0 procedencia excepcional \u00a0 \u00a0 REGIMEN ESPECIAL DE \u00a0 SEGURIDAD SOCIAL EN SALUD DE LAS FUERZAS MILITARES Y POLICIA NACIONAL-Reiteraci\u00f3n de jurisprudencia \u00a0 \u00a0 REGIMEN ESPECIAL DE SEGURIDAD SOCIAL EN SALUD DE LAS \u00a0 FUERZAS MILITARES Y POLICIA NACIONAL-Afiliados \u00a0 y beneficiarios deben ser formal y materialmente registrados \u00a0 \u00a0 Las c\u00f3nyuges o compa\u00f1eras permanentes de los miembros \u00a0 ...<br \/><div class=\"pt-cv-rmwrap\"><a href=\"https:\/\/www.dmsjuridica.com\/buscador_20179478954\/corteconstitucionalcronologico202454587\/t-210-13\/\" class=\"_self pt-cv-readmore btn btn-success\" target=\"_self\">Ver Sentencia Completa...<\/a><\/div><\/div><\/div><\/div>\n<div class=\"col-md-12 col-sm-12 col-xs-12 pt-cv-content-item pt-cv-1-col\" ><div class='pt-cv-ifield'><a href=\"https:\/\/www.dmsjuridica.com\/buscador_20179478954\/corteconstitucionalcronologico202454587\/t-209-13\/\" class=\"_self pt-cv-href-thumbnail pt-cv-thumb-default\" target=\"_self\" ><\/a>\n<div class=\"pt-cv-taxoterm above_title\"><a href='https:\/\/www.dmsjuridica.com\/buscador_20179478954\/corteconstitucionalcronologico202454587\/category\/buscar-en-toda-la-corte\/2013\/tutelas-2013\/' title='Tutelas 2013' class='pt-cv-tax-tutelas-2013'>Tutelas 2013<\/a><\/div>\n<h4 class=\"pt-cv-title\"><a href=\"https:\/\/www.dmsjuridica.com\/buscador_20179478954\/corteconstitucionalcronologico202454587\/t-209-13\/\" class=\"_self\" target=\"_self\" >T-209-13<\/a><\/h4>\n<div class=\"pt-cv-content\">\u00a0 \u00a0 \u00a0 \u00a0 \u00a0 \u00a0T-209-13 \u00a0 \u00a0 \u00a0 \u00a0 \u00a0 \u00a0\u00a0 Sentencia \u00a0 T-209\/13 \u00a0 \u00a0 DERECHO A LA \u00a0 SALUD DE NI\u00d1OS Y NI\u00d1AS-Fundamental aut\u00f3nomo \u00a0 \u00a0 El derecho a la salud en el caso de los menores de edad goza adem\u00e1s de \u00a0 una particularidad que realza su prevalencia en el ordenamiento constitucional \u00a0 interno. Este tribunal ha reconocido en abundante jurisprudencia que el derecho \u00a0 a la salud de las ni\u00f1as y ni\u00f1os tiene el car\u00e1cter fundamental por la \u00a0 consagraci\u00f3n expresa que en este sentido hace el art\u00edculo 44 de la Carta. De la \u00a0 ...<br \/><div class=\"pt-cv-rmwrap\"><a href=\"https:\/\/www.dmsjuridica.com\/buscador_20179478954\/corteconstitucionalcronologico202454587\/t-209-13\/\" class=\"_self pt-cv-readmore btn btn-success\" target=\"_self\">Ver Sentencia Completa...<\/a><\/div><\/div><\/div><\/div>\n<div class=\"col-md-12 col-sm-12 col-xs-12 pt-cv-content-item pt-cv-1-col\" ><div class='pt-cv-ifield'><a href=\"https:\/\/www.dmsjuridica.com\/buscador_20179478954\/corteconstitucionalcronologico202454587\/t-208-13\/\" class=\"_self pt-cv-href-thumbnail pt-cv-thumb-default\" target=\"_self\" ><\/a>\n<div class=\"pt-cv-taxoterm above_title\"><a href='https:\/\/www.dmsjuridica.com\/buscador_20179478954\/corteconstitucionalcronologico202454587\/category\/buscar-en-toda-la-corte\/2013\/tutelas-2013\/' title='Tutelas 2013' class='pt-cv-tax-tutelas-2013'>Tutelas 2013<\/a><\/div>\n<h4 class=\"pt-cv-title\"><a href=\"https:\/\/www.dmsjuridica.com\/buscador_20179478954\/corteconstitucionalcronologico202454587\/t-208-13\/\" class=\"_self\" target=\"_self\" >T-208-13<\/a><\/h4>\n<div class=\"pt-cv-content\">\u00a0 \u00a0 \u00a0 \u00a0 \u00a0 \u00a0T-208-13 \u00a0 \u00a0 \u00a0 \u00a0 \u00a0 \u00a0\u00a0 Sentencia T-208\/13 \u00a0 \u00a0 ACCION DE \u00a0 TUTELA CONTRA SENTENCIA DE TUTELA-Improcedencia para controvertir decisiones \u00a0 que se adoptan en procesos de esta naturaleza \u00a0 \u00a0 ACCION DE \u00a0 TUTELA CONTRA SENTENCIA DE TUTELA-Fundamentos de improcedencia \u00a0 \u00a0 FALIBILIDAD \u00a0 DE LOS JUECES \u00a0 \u00a0 VALOR DE LA \u00a0 REVISION DE LOS FALLOS DE TUTELA POR LA CORTE CONSTITUCIONAL \u00a0 \u00a0 JUEZ DE \u00a0 TUTELA TIENE EL DEBER DE REMITIR EL EXPEDIENTE PARA SU EVENTUAL REVISION A LA \u00a0 CORTE CONSTITUCIONAL \u00a0 \u00a0 COSA JUZGADA \u00a0 INMUTABLE Y ...<br \/><div class=\"pt-cv-rmwrap\"><a href=\"https:\/\/www.dmsjuridica.com\/buscador_20179478954\/corteconstitucionalcronologico202454587\/t-208-13\/\" class=\"_self pt-cv-readmore btn btn-success\" target=\"_self\">Ver Sentencia Completa...<\/a><\/div><\/div><\/div><\/div>\n<div class=\"col-md-12 col-sm-12 col-xs-12 pt-cv-content-item pt-cv-1-col\" ><div class='pt-cv-ifield'><a href=\"https:\/\/www.dmsjuridica.com\/buscador_20179478954\/corteconstitucionalcronologico202454587\/t-207-13\/\" class=\"_self pt-cv-href-thumbnail pt-cv-thumb-default\" target=\"_self\" ><\/a>\n<div class=\"pt-cv-taxoterm above_title\"><a href='https:\/\/www.dmsjuridica.com\/buscador_20179478954\/corteconstitucionalcronologico202454587\/category\/buscar-en-toda-la-corte\/2013\/tutelas-2013\/' title='Tutelas 2013' class='pt-cv-tax-tutelas-2013'>Tutelas 2013<\/a><\/div>\n<h4 class=\"pt-cv-title\"><a href=\"https:\/\/www.dmsjuridica.com\/buscador_20179478954\/corteconstitucionalcronologico202454587\/t-207-13\/\" class=\"_self\" target=\"_self\" >T-207-13<\/a><\/h4>\n<div class=\"pt-cv-content\">Sentencia T-207\/13 \u00a0 \u00a0 SUBSIDIO ECONOMICO PARA ADULTO MAYOR-Procedencia excepcional de la acci\u00f3n de \u00a0 tutela para proteger derechos fundamentales de ancianos en extrema pobreza \u00a0 \u00a0 Bajo el entendido de la premura \u00a0 que exige la soluci\u00f3n de una controversia en donde se encuentran en juego los \u00a0 derechos fundamentales de un adulto mayor que carece de recursos econ\u00f3micos como \u00a0 sujeto de especial protecci\u00f3n constitucional, la Corte ha aceptado que la acci\u00f3n \u00a0 de tutela resulta ser el medio m\u00e1s id\u00f3neo y eficaz para su protecci\u00f3n y por ello \u00a0 ha aceptado su procedencia excepcional. En el presente ...<br \/><div class=\"pt-cv-rmwrap\"><a href=\"https:\/\/www.dmsjuridica.com\/buscador_20179478954\/corteconstitucionalcronologico202454587\/t-207-13\/\" class=\"_self pt-cv-readmore btn btn-success\" target=\"_self\">Ver Sentencia Completa...<\/a><\/div><\/div><\/div><\/div>\n<div class=\"col-md-12 col-sm-12 col-xs-12 pt-cv-content-item pt-cv-1-col\" ><div class='pt-cv-ifield'><a href=\"https:\/\/www.dmsjuridica.com\/buscador_20179478954\/corteconstitucionalcronologico202454587\/t-206-13\/\" class=\"_self pt-cv-href-thumbnail pt-cv-thumb-default\" target=\"_self\" ><\/a>\n<div class=\"pt-cv-taxoterm above_title\"><a href='https:\/\/www.dmsjuridica.com\/buscador_20179478954\/corteconstitucionalcronologico202454587\/category\/buscar-en-toda-la-corte\/2013\/tutelas-2013\/' title='Tutelas 2013' class='pt-cv-tax-tutelas-2013'>Tutelas 2013<\/a><\/div>\n<h4 class=\"pt-cv-title\"><a href=\"https:\/\/www.dmsjuridica.com\/buscador_20179478954\/corteconstitucionalcronologico202454587\/t-206-13\/\" class=\"_self\" target=\"_self\" >T-206-13<\/a><\/h4>\n<div class=\"pt-cv-content\">\u00a0 \u00a0 \u00a0 \u00a0 \u00a0 \u00a0T-206-13 \u00a0 \u00a0 \u00a0 \u00a0 \u00a0 \u00a0\u00a0 Sentencia T-206\/13 \u00a0 \u00a0 DERECHO A LA \u00a0 SALUD-Flexibilizaci\u00f3n del juicio de procedibilidad de la acci\u00f3n de tutela \u00a0 cuando se trata de sujetos de especial protecci\u00f3n constitucional \u00a0 \u00a0 Este tribunal ha advertido que \u00a0 el juicio de procedibilidad del amparo debe ser menos estricto cuando se trata \u00a0 de sujetos de especial protecci\u00f3n constitucional. Precisamente, ha se\u00f1alado que \u00a0 \u201cexisten situaciones especiales en las que el an\u00e1lisis de procedencia de la \u00a0 acci\u00f3n debe desatarse de manera m\u00e1s amplia y permisiva, en atenci\u00f3n a la \u00a0 ...<br \/><div class=\"pt-cv-rmwrap\"><a href=\"https:\/\/www.dmsjuridica.com\/buscador_20179478954\/corteconstitucionalcronologico202454587\/t-206-13\/\" class=\"_self pt-cv-readmore btn btn-success\" target=\"_self\">Ver Sentencia Completa...<\/a><\/div><\/div><\/div><\/div>\n<div class=\"col-md-12 col-sm-12 col-xs-12 pt-cv-content-item pt-cv-1-col\" ><div class='pt-cv-ifield'><a href=\"https:\/\/www.dmsjuridica.com\/buscador_20179478954\/corteconstitucionalcronologico202454587\/t-205-13\/\" class=\"_self pt-cv-href-thumbnail pt-cv-thumb-default\" target=\"_self\" ><\/a>\n<div class=\"pt-cv-taxoterm above_title\"><a href='https:\/\/www.dmsjuridica.com\/buscador_20179478954\/corteconstitucionalcronologico202454587\/category\/buscar-en-toda-la-corte\/2013\/tutelas-2013\/' title='Tutelas 2013' class='pt-cv-tax-tutelas-2013'>Tutelas 2013<\/a><\/div>\n<h4 class=\"pt-cv-title\"><a href=\"https:\/\/www.dmsjuridica.com\/buscador_20179478954\/corteconstitucionalcronologico202454587\/t-205-13\/\" class=\"_self\" target=\"_self\" >T-205-13<\/a><\/h4>\n<div class=\"pt-cv-content\">\u00a0 \u00a0 \u00a0 \u00a0 \u00a0 \u00a0T-205-13 \u00a0 \u00a0 \u00a0 \u00a0 \u00a0 \u00a0\u00a0 Sentencia T-205 \/13 \u00a0 \u00a0 ACCION DE \u00a0 TUTELA CONTRA PROVIDENCIAS JUDICIALES-Evoluci\u00f3n y reiteraci\u00f3n de \u00a0 jurisprudencia \u00a0 \u00a0 ACCION DE \u00a0 TUTELA CONTRA PROVIDENCIAS JUDICIALES-Criterios generales y especiales de \u00a0 procedibilidad \u00a0 \u00a0 CARACTERIZACION DEL DEFECTO FACTICO COMO CAUSAL ESPECIFICA DE PROCEDIBILIDAD DE \u00a0 LA ACCION DE TUTELA CONTRA PROVIDENCIAS JUDICIALES\/DEFECTO FACTICO-Dimensi\u00f3n \u00a0 negativa y positiva \u00a0 \u00a0 Ha dicho esta Corte acerca del defecto \u00a0 f\u00e1ctico, que la acci\u00f3n de tutela procede \u00fanicamente cuando es marcadamente \u00a0 irrazonable la valoraci\u00f3n probatoria realizada por el juez en ...<br \/><div class=\"pt-cv-rmwrap\"><a href=\"https:\/\/www.dmsjuridica.com\/buscador_20179478954\/corteconstitucionalcronologico202454587\/t-205-13\/\" class=\"_self pt-cv-readmore btn btn-success\" target=\"_self\">Ver Sentencia Completa...<\/a><\/div><\/div><\/div><\/div>\n<div class=\"col-md-12 col-sm-12 col-xs-12 pt-cv-content-item pt-cv-1-col\" ><div class='pt-cv-ifield'><a href=\"https:\/\/www.dmsjuridica.com\/buscador_20179478954\/corteconstitucionalcronologico202454587\/t-204-13\/\" class=\"_self pt-cv-href-thumbnail pt-cv-thumb-default\" target=\"_self\" ><\/a>\n<div class=\"pt-cv-taxoterm above_title\"><a href='https:\/\/www.dmsjuridica.com\/buscador_20179478954\/corteconstitucionalcronologico202454587\/category\/buscar-en-toda-la-corte\/2013\/tutelas-2013\/' title='Tutelas 2013' class='pt-cv-tax-tutelas-2013'>Tutelas 2013<\/a><\/div>\n<h4 class=\"pt-cv-title\"><a href=\"https:\/\/www.dmsjuridica.com\/buscador_20179478954\/corteconstitucionalcronologico202454587\/t-204-13\/\" class=\"_self\" target=\"_self\" >T-204-13<\/a><\/h4>\n<div class=\"pt-cv-content\">\u00a0 \u00a0 \u00a0 \u00a0 \u00a0 \u00a0T-204-13 \u00a0 \u00a0 \u00a0 \u00a0 \u00a0 \u00a0\u00a0 Sentencia \u00a0 T-204\/13 \u00a0 \u00a0 CARENCIA ACTUAL DE OBJETO POR SUSTRACCION DE \u00a0 MATERIA-Configuraci\u00f3n \u00a0 \u00a0 CARENCIA ACTUAL DE OBJETO POR SUSTRACCION DE \u00a0 MATERIA-Caso en que Corte \u00a0 Constitucional orden\u00f3 al Ministerio del Interior proceda a expedir nuevas \u00a0 directrices para elecciones de los representantes de las comunidades negras \u00a0 \u00a0 No hay lugar a emitir un pronunciamiento de \u00a0 fondo dentro del presente asunto, toda vez que hay carencia actual de objeto por \u00a0 sustracci\u00f3n de materia. En efecto, la pretensi\u00f3n del actor, en el sentido ...<br \/><div class=\"pt-cv-rmwrap\"><a href=\"https:\/\/www.dmsjuridica.com\/buscador_20179478954\/corteconstitucionalcronologico202454587\/t-204-13\/\" class=\"_self pt-cv-readmore btn btn-success\" target=\"_self\">Ver Sentencia Completa...<\/a><\/div><\/div><\/div><\/div>\n<div class=\"col-md-12 col-sm-12 col-xs-12 pt-cv-content-item pt-cv-1-col\" ><div class='pt-cv-ifield'><a href=\"https:\/\/www.dmsjuridica.com\/buscador_20179478954\/corteconstitucionalcronologico202454587\/t-203-13\/\" class=\"_self pt-cv-href-thumbnail pt-cv-thumb-default\" target=\"_self\" ><\/a>\n<div class=\"pt-cv-taxoterm above_title\"><a href='https:\/\/www.dmsjuridica.com\/buscador_20179478954\/corteconstitucionalcronologico202454587\/category\/buscar-en-toda-la-corte\/2013\/tutelas-2013\/' title='Tutelas 2013' class='pt-cv-tax-tutelas-2013'>Tutelas 2013<\/a><\/div>\n<h4 class=\"pt-cv-title\"><a href=\"https:\/\/www.dmsjuridica.com\/buscador_20179478954\/corteconstitucionalcronologico202454587\/t-203-13\/\" class=\"_self\" target=\"_self\" >T-203-13<\/a><\/h4>\n<div class=\"pt-cv-content\">\u00a0 \u00a0 \u00a0 \u00a0 \u00a0 \u00a0T-203-13 \u00a0 \u00a0 \u00a0 \u00a0 \u00a0 \u00a0\u00a0 Sentencia T-203\/13 \u00a0 \u00a0 \u00a0 ACCION DE TUTELA PARA SOLICITAR PAGO DE CUOTA \u00a0 ALIMENTARIA-Procedencia \u00a0 excepcional para evitar perjuicio irremediable y ser persona de la tercera edad \u00a0 con diversos problemas de salud \u00a0 \u00a0 OBLIGACION ALIMENTARIA Y PENSION DE \u00a0 SOBREVIVIENTES-Diferencias \u00a0 \u00a0 OBLIGACION ALIMENTARIA-Naturaleza jur\u00eddica \u00a0 \u00a0 La obligaci\u00f3n alimentaria tiene fundamento en la propia \u00a0 Carta Pol\u00edtica, pues se vincula con la protecci\u00f3n que el Estado debe dispensar a \u00a0 la familia como instituci\u00f3n b\u00e1sica de la sociedad y con la efectividad y \u00a0 ...<br \/><div class=\"pt-cv-rmwrap\"><a href=\"https:\/\/www.dmsjuridica.com\/buscador_20179478954\/corteconstitucionalcronologico202454587\/t-203-13\/\" class=\"_self pt-cv-readmore btn btn-success\" target=\"_self\">Ver Sentencia Completa...<\/a><\/div><\/div><\/div><\/div>\n<div class=\"col-md-12 col-sm-12 col-xs-12 pt-cv-content-item pt-cv-1-col\" ><div class='pt-cv-ifield'><a href=\"https:\/\/www.dmsjuridica.com\/buscador_20179478954\/corteconstitucionalcronologico202454587\/t-202-13\/\" class=\"_self pt-cv-href-thumbnail pt-cv-thumb-default\" target=\"_self\" ><\/a>\n<div class=\"pt-cv-taxoterm above_title\"><a href='https:\/\/www.dmsjuridica.com\/buscador_20179478954\/corteconstitucionalcronologico202454587\/category\/buscar-en-toda-la-corte\/2013\/tutelas-2013\/' title='Tutelas 2013' class='pt-cv-tax-tutelas-2013'>Tutelas 2013<\/a><\/div>\n<h4 class=\"pt-cv-title\"><a href=\"https:\/\/www.dmsjuridica.com\/buscador_20179478954\/corteconstitucionalcronologico202454587\/t-202-13\/\" class=\"_self\" target=\"_self\" >T-202-13<\/a><\/h4>\n<div class=\"pt-cv-content\">\u00a0 \u00a0 \u00a0 \u00a0 \u00a0 \u00a0T-202-13 \u00a0 \u00a0 \u00a0 \u00a0 \u00a0 \u00a0\u00a0 Sentencia T-202\/13 \u00a0 \u00a0 LEGITIMACION POR ACTIVA EN TUTELA DE AUTORIDAD INDIGENA \u00a0 \u00a0 DERECHOS DE COMUNIDAD INDIGENA Y PRINCIPIO DE \u00a0 INMEDIATEZ-Vulneraci\u00f3n de derechos \u00a0 persiste en el tiempo por restricci\u00f3n del paso de motocicletas al territorio \u00a0 ind\u00edgena por parte del Ej\u00e9rcito Nacional con la construcci\u00f3n de una cerca de \u00a0 alambre de p\u00faas \u00a0 \u00a0 ACCION \u00a0 DE TUTELA PARA PROTEGER DERECHOS FUNDAMENTALES DE COMUNIDADES INDIGENAS-Procedencia \u00a0 para evitar perjuicio irremediable por restricci\u00f3n del paso de motocicletas al \u00a0 territorio ind\u00edgena por parte del Ej\u00e9rcito ...<br \/><div class=\"pt-cv-rmwrap\"><a href=\"https:\/\/www.dmsjuridica.com\/buscador_20179478954\/corteconstitucionalcronologico202454587\/t-202-13\/\" class=\"_self pt-cv-readmore btn btn-success\" target=\"_self\">Ver Sentencia Completa...<\/a><\/div><\/div><\/div><\/div>\n<div class=\"col-md-12 col-sm-12 col-xs-12 pt-cv-content-item pt-cv-1-col\" ><div class='pt-cv-ifield'><a href=\"https:\/\/www.dmsjuridica.com\/buscador_20179478954\/corteconstitucionalcronologico202454587\/t-201-13\/\" class=\"_self pt-cv-href-thumbnail pt-cv-thumb-default\" target=\"_self\" ><\/a>\n<div class=\"pt-cv-taxoterm above_title\"><a href='https:\/\/www.dmsjuridica.com\/buscador_20179478954\/corteconstitucionalcronologico202454587\/category\/buscar-en-toda-la-corte\/2013\/tutelas-2013\/' title='Tutelas 2013' class='pt-cv-tax-tutelas-2013'>Tutelas 2013<\/a><\/div>\n<h4 class=\"pt-cv-title\"><a href=\"https:\/\/www.dmsjuridica.com\/buscador_20179478954\/corteconstitucionalcronologico202454587\/t-201-13\/\" class=\"_self\" target=\"_self\" >T-201-13<\/a><\/h4>\n<div class=\"pt-cv-content\">\u00a0 \u00a0 \u00a0 \u00a0 \u00a0 \u00a0T-201-13 \u00a0 \u00a0 \u00a0 \u00a0 \u00a0 \u00a0\u00a0 Sentencia T-201\/13 \u00a0 \u00a0 DERECHO \u00a0 FUNDAMENTAL A LA SEGURIDAD SOCIAL Y PROTECCION POR MEDIO DE ACCION DE TUTELA-Reiteraci\u00f3n \u00a0 de jurisprudencia \u00a0 \u00a0 Respecto de \u00a0 la seguridad social como un derecho fundamental, es importante resaltar que hoy \u00a0 en d\u00eda la Corte Constitucional entiende que todos los derechos constitucionales \u00a0 son fundamentales, pues se conectan de manera directa con los valores que los \u00a0 Constituyentes quisieron elevar democr\u00e1ticamente a la categor\u00eda de bienes \u00a0 especialmente protegidos por la Constituci\u00f3n. El derecho a la seguridad social \u00a0 ...<br \/><div class=\"pt-cv-rmwrap\"><a href=\"https:\/\/www.dmsjuridica.com\/buscador_20179478954\/corteconstitucionalcronologico202454587\/t-201-13\/\" class=\"_self pt-cv-readmore btn btn-success\" target=\"_self\">Ver Sentencia Completa...<\/a><\/div><\/div><\/div><\/div>\n<div class=\"col-md-12 col-sm-12 col-xs-12 pt-cv-content-item pt-cv-1-col\" ><div class='pt-cv-ifield'><a href=\"https:\/\/www.dmsjuridica.com\/buscador_20179478954\/corteconstitucionalcronologico202454587\/t-200-13\/\" class=\"_self pt-cv-href-thumbnail pt-cv-thumb-default\" target=\"_self\" ><\/a>\n<div class=\"pt-cv-taxoterm above_title\"><a href='https:\/\/www.dmsjuridica.com\/buscador_20179478954\/corteconstitucionalcronologico202454587\/category\/buscar-en-toda-la-corte\/2013\/tutelas-2013\/' title='Tutelas 2013' class='pt-cv-tax-tutelas-2013'>Tutelas 2013<\/a><\/div>\n<h4 class=\"pt-cv-title\"><a href=\"https:\/\/www.dmsjuridica.com\/buscador_20179478954\/corteconstitucionalcronologico202454587\/t-200-13\/\" class=\"_self\" target=\"_self\" >T-200-13<\/a><\/h4>\n<div class=\"pt-cv-content\">\u00a0 \u00a0 \u00a0 \u00a0 \u00a0 \u00a0T-200-13 \u00a0 \u00a0 \u00a0 \u00a0 \u00a0 \u00a0\u00a0 Sentencia \u00a0 T-200\/13 \u00a0 \u00a0 CARENCIA \u00a0 ACTUAL DE OBJETO-Fen\u00f3meno que puede presentarse a partir de dos eventos que \u00a0 a su vez sugieren consecuencias distintas: hecho superado y da\u00f1o consumado \u00a0 \u00a0 El \u00a0 fen\u00f3meno de la carencia actual de objeto tiene como caracter\u00edstica esencial que \u00a0 la orden del\/de la juez\/a de tutela relativa a lo solicitado en la demanda de \u00a0 amparo no surtir\u00eda ning\u00fan efecto, esto es, caer\u00eda en el vac\u00edo. Lo anterior se \u00a0 presenta, generalmente, a partir de dos eventos: el hecho ...<br \/><div class=\"pt-cv-rmwrap\"><a href=\"https:\/\/www.dmsjuridica.com\/buscador_20179478954\/corteconstitucionalcronologico202454587\/t-200-13\/\" class=\"_self pt-cv-readmore btn btn-success\" target=\"_self\">Ver Sentencia Completa...<\/a><\/div><\/div><\/div><\/div>\n<div class=\"col-md-12 col-sm-12 col-xs-12 pt-cv-content-item pt-cv-1-col\" ><div class='pt-cv-ifield'><a href=\"https:\/\/www.dmsjuridica.com\/buscador_20179478954\/corteconstitucionalcronologico202454587\/t-199-13\/\" class=\"_self pt-cv-href-thumbnail pt-cv-thumb-default\" target=\"_self\" ><\/a>\n<div class=\"pt-cv-taxoterm above_title\"><a href='https:\/\/www.dmsjuridica.com\/buscador_20179478954\/corteconstitucionalcronologico202454587\/category\/buscar-en-toda-la-corte\/2013\/tutelas-2013\/' title='Tutelas 2013' class='pt-cv-tax-tutelas-2013'>Tutelas 2013<\/a><\/div>\n<h4 class=\"pt-cv-title\"><a href=\"https:\/\/www.dmsjuridica.com\/buscador_20179478954\/corteconstitucionalcronologico202454587\/t-199-13\/\" class=\"_self\" target=\"_self\" >T-199-13<\/a><\/h4>\n<div class=\"pt-cv-content\">\u00a0 \u00a0 \u00a0 \u00a0 \u00a0 \u00a0T-199-13 \u00a0 \u00a0 \u00a0 \u00a0 \u00a0 \u00a0\u00a0 Sentencia T-199\/13 \u00a0 \u00a0 CARENCIA ACTUAL DE OBJETO POR DA\u00d1O CONSUMADO-Fallecimiento de la persona en nombre de quien se \u00a0 interpuso la tutela \u00a0 \u00a0 CARENCIA ACTUAL DE OBJETO POR DA\u00d1O CONSUMADO-Fallecimiento del actor durante el tr\u00e1mite de la acci\u00f3n \u00a0 de tutela \u00a0 \u00a0 CARENCIA ACTUAL DE OBJETO POR DA\u00d1O CONSUMADO-No impide a la Corte Constitucional pronunciamiento de \u00a0 fondo sobre la existencia de una violaci\u00f3n de derechos fundamentales \u00a0 \u00a0 DERECHOS FUNDAMENTALES-Protecci\u00f3n de la dimensi\u00f3n objetiva \u00a0 \u00a0 La Sala destacar\u00e1 en la presente sentencia la ...<br \/><div class=\"pt-cv-rmwrap\"><a href=\"https:\/\/www.dmsjuridica.com\/buscador_20179478954\/corteconstitucionalcronologico202454587\/t-199-13\/\" class=\"_self pt-cv-readmore btn btn-success\" target=\"_self\">Ver Sentencia Completa...<\/a><\/div><\/div><\/div><\/div>\n<div class=\"col-md-12 col-sm-12 col-xs-12 pt-cv-content-item pt-cv-1-col\" ><div class='pt-cv-ifield'><a href=\"https:\/\/www.dmsjuridica.com\/buscador_20179478954\/corteconstitucionalcronologico202454587\/t-193-13\/\" class=\"_self pt-cv-href-thumbnail pt-cv-thumb-default\" target=\"_self\" ><\/a>\n<div class=\"pt-cv-taxoterm above_title\"><a href='https:\/\/www.dmsjuridica.com\/buscador_20179478954\/corteconstitucionalcronologico202454587\/category\/buscar-en-toda-la-corte\/2013\/tutelas-2013\/' title='Tutelas 2013' class='pt-cv-tax-tutelas-2013'>Tutelas 2013<\/a><\/div>\n<h4 class=\"pt-cv-title\"><a href=\"https:\/\/www.dmsjuridica.com\/buscador_20179478954\/corteconstitucionalcronologico202454587\/t-193-13\/\" class=\"_self\" target=\"_self\" >T-193-13<\/a><\/h4>\n<div class=\"pt-cv-content\">\u00a0 \u00a0 \u00a0 \u00a0 \u00a0 \u00a0T-193-13 \u00a0 \u00a0 \u00a0 \u00a0 \u00a0 \u00a0\u00a0 Sentencia T-193\/13 \u00a0 \u00a0 (Bogot\u00e1, D.C., \u00a0 abril 8 de 2013) \u00a0 \u00a0 CARENCIA ACTUAL DE OBJETO POR \u00a0 HECHO SUPERADO-Caso en que EPS cancel\u00f3 incapacidades por enfermedad com\u00fan \u00a0 \u00a0 Referencia: expediente T- 3.729.380. \u00a0 \u00a0 Fallos de tutela objeto revisi\u00f3n: sentencia del \u00a0\u00a0 \u00a0 \u00a0 \u00a0 \u00a0Juzgado 5\u00ba Penal del Circuito con funciones de Conocimiento del 28 de \u00a0\u00a0 \u00a0 \u00a0 \u00a0 \u00a0septiembre de 2012, que revoc\u00f3 la sentencia del Juzgado 4\u00ba Penal Municipal \u00a0\u00a0 \u00a0 \u00a0 \u00a0 \u00a0de Popay\u00e1n del 27 de agosto de 2012, ...<br \/><div class=\"pt-cv-rmwrap\"><a href=\"https:\/\/www.dmsjuridica.com\/buscador_20179478954\/corteconstitucionalcronologico202454587\/t-193-13\/\" class=\"_self pt-cv-readmore btn btn-success\" target=\"_self\">Ver Sentencia Completa...<\/a><\/div><\/div><\/div><\/div>\n<div class=\"col-md-12 col-sm-12 col-xs-12 pt-cv-content-item pt-cv-1-col\" ><div class='pt-cv-ifield'><a href=\"https:\/\/www.dmsjuridica.com\/buscador_20179478954\/corteconstitucionalcronologico202454587\/t-192-13\/\" class=\"_self pt-cv-href-thumbnail pt-cv-thumb-default\" target=\"_self\" ><\/a>\n<div class=\"pt-cv-taxoterm above_title\"><a href='https:\/\/www.dmsjuridica.com\/buscador_20179478954\/corteconstitucionalcronologico202454587\/category\/buscar-en-toda-la-corte\/2013\/tutelas-2013\/' title='Tutelas 2013' class='pt-cv-tax-tutelas-2013'>Tutelas 2013<\/a><\/div>\n<h4 class=\"pt-cv-title\"><a href=\"https:\/\/www.dmsjuridica.com\/buscador_20179478954\/corteconstitucionalcronologico202454587\/t-192-13\/\" class=\"_self\" target=\"_self\" >T-192-13<\/a><\/h4>\n<div class=\"pt-cv-content\">\u00a0 \u00a0 \u00a0 \u00a0 \u00a0 \u00a0T-192-13 \u00a0 \u00a0 \u00a0 \u00a0 \u00a0 \u00a0\u00a0 Sentencia T-192\/13 \u00a0 \u00a0 ACCION DE \u00a0 TUTELA PARA LA PROTECCION DE LOS DERECHOS FUNDAMENTALES DE LA POBLACION \u00a0 DESPLAZADA-Procedencia \u00a0 \u00a0 Para el caso de la poblaci\u00f3n desplazada, \u00a0 esta Corte ha considerado que la acci\u00f3n de tutela es el mecanismo de defensa \u00a0 id\u00f3neo para garantizar la protecci\u00f3n de los derechos fundamentales de este grupo \u00a0 de personas que se encuentran en un particular estado de vulnerabilidad o \u00a0 situaci\u00f3n de fragilidad, aun ante la existencia de otros mecanismos jur\u00eddicos de \u00a0 protecci\u00f3n. As\u00ed, las personas ...<br \/><div class=\"pt-cv-rmwrap\"><a href=\"https:\/\/www.dmsjuridica.com\/buscador_20179478954\/corteconstitucionalcronologico202454587\/t-192-13\/\" class=\"_self pt-cv-readmore btn btn-success\" target=\"_self\">Ver Sentencia Completa...<\/a><\/div><\/div><\/div><\/div>\n<div class=\"col-md-12 col-sm-12 col-xs-12 pt-cv-content-item pt-cv-1-col\" ><div class='pt-cv-ifield'><a href=\"https:\/\/www.dmsjuridica.com\/buscador_20179478954\/corteconstitucionalcronologico202454587\/t-191-13\/\" class=\"_self pt-cv-href-thumbnail pt-cv-thumb-default\" target=\"_self\" ><\/a>\n<div class=\"pt-cv-taxoterm above_title\"><a href='https:\/\/www.dmsjuridica.com\/buscador_20179478954\/corteconstitucionalcronologico202454587\/category\/buscar-en-toda-la-corte\/2013\/tutelas-2013\/' title='Tutelas 2013' class='pt-cv-tax-tutelas-2013'>Tutelas 2013<\/a><\/div>\n<h4 class=\"pt-cv-title\"><a href=\"https:\/\/www.dmsjuridica.com\/buscador_20179478954\/corteconstitucionalcronologico202454587\/t-191-13\/\" class=\"_self\" target=\"_self\" >T-191-13<\/a><\/h4>\n<div class=\"pt-cv-content\">\u00a0 \u00a0 \u00a0 \u00a0 \u00a0 \u00a0T-191-13 \u00a0 \u00a0 \u00a0 \u00a0 \u00a0 \u00a0\u00a0 Sentencia T-191\/13 \u00a0 \u00a0 \u00a0(Bogot\u00e1, D.C., \u00a0 abril 8) \u00a0 \u00a0 DERECHO FUNDAMENTAL A LA \u00a0 VIVIENDA DIGNA DE POBLACION DESPLAZADA-Procedencia de la acci\u00f3n de tutela \u00a0 \u00a0 PROTECCION ESPECIAL A POBLACION \u00a0 DESPLAZADA-Reiteraci\u00f3n de jurisprudencia \u00a0 \u00a0 La Corte ha reiterado que las personas v\u00edctimas del \u00a0 desplazamiento \u201cse encuentran en una especial condici\u00f3n de \u00a0 vulnerabilidad, exclusi\u00f3n y marginalidad, entendida la primera como aquella \u00a0 situaci\u00f3n que sin ser elegida por el individuo, le impide acceder a aquellas \u00a0 garant\u00edas m\u00ednimas que le permiten la realizaci\u00f3n ...<br \/><div class=\"pt-cv-rmwrap\"><a href=\"https:\/\/www.dmsjuridica.com\/buscador_20179478954\/corteconstitucionalcronologico202454587\/t-191-13\/\" class=\"_self pt-cv-readmore btn btn-success\" target=\"_self\">Ver Sentencia Completa...<\/a><\/div><\/div><\/div><\/div>\n<div class=\"col-md-12 col-sm-12 col-xs-12 pt-cv-content-item pt-cv-1-col\" ><div class='pt-cv-ifield'><a href=\"https:\/\/www.dmsjuridica.com\/buscador_20179478954\/corteconstitucionalcronologico202454587\/t-187-13\/\" class=\"_self pt-cv-href-thumbnail pt-cv-thumb-default\" target=\"_self\" ><\/a>\n<div class=\"pt-cv-taxoterm above_title\"><a href='https:\/\/www.dmsjuridica.com\/buscador_20179478954\/corteconstitucionalcronologico202454587\/category\/buscar-en-toda-la-corte\/2013\/tutelas-2013\/' title='Tutelas 2013' class='pt-cv-tax-tutelas-2013'>Tutelas 2013<\/a><\/div>\n<h4 class=\"pt-cv-title\"><a href=\"https:\/\/www.dmsjuridica.com\/buscador_20179478954\/corteconstitucionalcronologico202454587\/t-187-13\/\" class=\"_self\" target=\"_self\" >T-187-13<\/a><\/h4>\n<div class=\"pt-cv-content\">\u00a0 \u00a0 \u00a0 \u00a0 \u00a0 \u00a0T-187-13 \u00a0 \u00a0 \u00a0 \u00a0 \u00a0 \u00a0\u00a0 Sentencia T-187\/13 \u00a0 \u00a0 (Bogot\u00e1, DC, abril \u00a0 8) \u00a0 \u00a0 PROCESO POLICIVO-Caracter\u00edsticas \u00a0 y naturaleza jur\u00eddica \u00a0 \u00a0 El poder de \u00a0 polic\u00eda tiene por objeto la expedici\u00f3n de reglas de car\u00e1cter general y la \u00a0 imposici\u00f3n de medidas individuales orientadas a mantener el orden p\u00fablico y la \u00a0 convivencia ciudadana, especialmente en aspectos como la tranquilidad, la \u00a0 salubridad y la seguridad; asimismo, se encamina a evitar perjuicios \u00a0 individuales o colectivos, provocados por des\u00f3rdenes, actos perturbatorios, \u00a0 atentados a la salud y a la higiene ...<br \/><div class=\"pt-cv-rmwrap\"><a href=\"https:\/\/www.dmsjuridica.com\/buscador_20179478954\/corteconstitucionalcronologico202454587\/t-187-13\/\" class=\"_self pt-cv-readmore btn btn-success\" target=\"_self\">Ver Sentencia Completa...<\/a><\/div><\/div><\/div><\/div>\n<div class=\"col-md-12 col-sm-12 col-xs-12 pt-cv-content-item pt-cv-1-col\" ><div class='pt-cv-ifield'><a href=\"https:\/\/www.dmsjuridica.com\/buscador_20179478954\/corteconstitucionalcronologico202454587\/t-186-13\/\" class=\"_self pt-cv-href-thumbnail pt-cv-thumb-default\" target=\"_self\" ><\/a>\n<div class=\"pt-cv-taxoterm above_title\"><a href='https:\/\/www.dmsjuridica.com\/buscador_20179478954\/corteconstitucionalcronologico202454587\/category\/buscar-en-toda-la-corte\/2013\/tutelas-2013\/' title='Tutelas 2013' class='pt-cv-tax-tutelas-2013'>Tutelas 2013<\/a><\/div>\n<h4 class=\"pt-cv-title\"><a href=\"https:\/\/www.dmsjuridica.com\/buscador_20179478954\/corteconstitucionalcronologico202454587\/t-186-13\/\" class=\"_self\" target=\"_self\" >T-186-13<\/a><\/h4>\n<div class=\"pt-cv-content\">\u00a0 \u00a0 \u00a0 \u00a0 \u00a0 \u00a0T-186-13 \u00a0 \u00a0 \u00a0 \u00a0 \u00a0 \u00a0\u00a0 Sentencia T-186\/13 \u00a0 \u00a0 ACCION DE \u00a0 TUTELA CONTRA ACTOS ADMINISTRATIVOS DE CARACTER PARTICULAR Y CONCRETO-Procedencia \u00a0 excepcional para solicitar el reintegro de servidores p\u00fablicos por ser \u00a0 prepensionados \u00a0 \u00a0 PROVISION DE \u00a0 CARGOS DE LA LISTA DE ELEGIBLES PREVIO CONCURSO DE MERITOS Y LA PROTECCION \u00a0 ESPECIAL DE LAS PERSONAS EN SITUACION DE DISCAPACIDAD, MADRES Y PADRES CABEZA DE \u00a0 FAMILIA Y PREPENSIONADOS-Reiteraci\u00f3n de jurisprudencia \u00a0 \u00a0 La jurisprudencia \u00a0 constitucional ha asumido el estudio de asuntos en los cuales entran en tensi\u00f3n, \u00a0 de un ...<br \/><div class=\"pt-cv-rmwrap\"><a href=\"https:\/\/www.dmsjuridica.com\/buscador_20179478954\/corteconstitucionalcronologico202454587\/t-186-13\/\" class=\"_self pt-cv-readmore btn btn-success\" target=\"_self\">Ver Sentencia Completa...<\/a><\/div><\/div><\/div><\/div>\n<div class=\"col-md-12 col-sm-12 col-xs-12 pt-cv-content-item pt-cv-1-col\" ><div class='pt-cv-ifield'><a href=\"https:\/\/www.dmsjuridica.com\/buscador_20179478954\/corteconstitucionalcronologico202454587\/t-185-13\/\" class=\"_self pt-cv-href-thumbnail pt-cv-thumb-default\" target=\"_self\" ><\/a>\n<div class=\"pt-cv-taxoterm above_title\"><a href='https:\/\/www.dmsjuridica.com\/buscador_20179478954\/corteconstitucionalcronologico202454587\/category\/buscar-en-toda-la-corte\/2013\/tutelas-2013\/' title='Tutelas 2013' class='pt-cv-tax-tutelas-2013'>Tutelas 2013<\/a><\/div>\n<h4 class=\"pt-cv-title\"><a href=\"https:\/\/www.dmsjuridica.com\/buscador_20179478954\/corteconstitucionalcronologico202454587\/t-185-13\/\" class=\"_self\" target=\"_self\" >T-185-13<\/a><\/h4>\n<div class=\"pt-cv-content\">\u00a0 \u00a0 \u00a0 \u00a0 \u00a0 \u00a0T-185-13 \u00a0 \u00a0 \u00a0 \u00a0 \u00a0 \u00a0\u00a0 Sentencia T-185\/13 \u00a0 \u00a0 ACTUACION TEMERARIA Y COSA JUZGADA EN \u00a0 MATERIA DE TUTELA-Configuraci\u00f3n \u00a0 \u00a0 TEMERIDAD-Concepto y desarrollo jurisprudencial \u00a0 \u00a0 ACCION DE TUTELA TEMERARIA-Supuestos que facultan a interponer \u00a0 nuevamente una acci\u00f3n sin que sea considerada temeridad \u00a0 \u00a0 ACCION DE TUTELA TEMERARIA-Obligaci\u00f3n de prestar juramento \u00a0 \u00a0 La cosa juzgada es una \u00a0 instituci\u00f3n que torna inmutables, definitivas, vinculantes y coercitivas ciertas \u00a0 providencias, al punto que las partes no pueden ventilar de nuevo el asunto que \u00a0 fue objeto de resoluci\u00f3n judicial. las decisiones ...<br \/><div class=\"pt-cv-rmwrap\"><a href=\"https:\/\/www.dmsjuridica.com\/buscador_20179478954\/corteconstitucionalcronologico202454587\/t-185-13\/\" class=\"_self pt-cv-readmore btn btn-success\" target=\"_self\">Ver Sentencia Completa...<\/a><\/div><\/div><\/div><\/div>\n<div class=\"col-md-12 col-sm-12 col-xs-12 pt-cv-content-item pt-cv-1-col\" ><div class='pt-cv-ifield'><a href=\"https:\/\/www.dmsjuridica.com\/buscador_20179478954\/corteconstitucionalcronologico202454587\/t-184-13\/\" class=\"_self pt-cv-href-thumbnail pt-cv-thumb-default\" target=\"_self\" ><\/a>\n<div class=\"pt-cv-taxoterm above_title\"><a href='https:\/\/www.dmsjuridica.com\/buscador_20179478954\/corteconstitucionalcronologico202454587\/category\/buscar-en-toda-la-corte\/2013\/tutelas-2013\/' title='Tutelas 2013' class='pt-cv-tax-tutelas-2013'>Tutelas 2013<\/a><\/div>\n<h4 class=\"pt-cv-title\"><a href=\"https:\/\/www.dmsjuridica.com\/buscador_20179478954\/corteconstitucionalcronologico202454587\/t-184-13\/\" class=\"_self\" target=\"_self\" >T-184-13<\/a><\/h4>\n<div class=\"pt-cv-content\">\u00a0 \u00a0 \u00a0 \u00a0 \u00a0 \u00a0T-184-13 \u00a0 \u00a0 \u00a0 \u00a0 \u00a0 \u00a0\u00a0 Sentencia T-184\/13 \u00a0 \u00a0 DERECHO FUNDAMENTAL A LA SEGURIDAD PERSONAL-Alcance y contenido \u00a0 \u00a0 DERECHO A LA SEGURIDAD-Como valor y fin del Estado\/DERECHO A LA SEGURIDAD-Como derecho colectivo\/DERECHO A LA SEGURIDAD-Como derecho individual \u00a0 \u00a0 Esta Corporaci\u00f3n ha puntualizado as\u00ed que la \u00a0 carta pol\u00edtica incluye la seguridad como un elemento inherente al ordenamiento \u00a0 jur\u00eddico, que adquiere incluso el rango de derecho constitucional, no s\u00f3lo \u00a0 colectivo sino individual. Se ha explicado entonces que la seguridad personal se \u00a0 manifiesta desde tres formas, a saber, (i) un ...<br \/><div class=\"pt-cv-rmwrap\"><a href=\"https:\/\/www.dmsjuridica.com\/buscador_20179478954\/corteconstitucionalcronologico202454587\/t-184-13\/\" class=\"_self pt-cv-readmore btn btn-success\" target=\"_self\">Ver Sentencia Completa...<\/a><\/div><\/div><\/div><\/div>\n<div class=\"col-md-12 col-sm-12 col-xs-12 pt-cv-content-item pt-cv-1-col\" ><div class='pt-cv-ifield'><a href=\"https:\/\/www.dmsjuridica.com\/buscador_20179478954\/corteconstitucionalcronologico202454587\/t-183-13\/\" class=\"_self pt-cv-href-thumbnail pt-cv-thumb-default\" target=\"_self\" ><\/a>\n<div class=\"pt-cv-taxoterm above_title\"><a href='https:\/\/www.dmsjuridica.com\/buscador_20179478954\/corteconstitucionalcronologico202454587\/category\/buscar-en-toda-la-corte\/2013\/tutelas-2013\/' title='Tutelas 2013' class='pt-cv-tax-tutelas-2013'>Tutelas 2013<\/a><\/div>\n<h4 class=\"pt-cv-title\"><a href=\"https:\/\/www.dmsjuridica.com\/buscador_20179478954\/corteconstitucionalcronologico202454587\/t-183-13\/\" class=\"_self\" target=\"_self\" >T-183-13<\/a><\/h4>\n<div class=\"pt-cv-content\">Sentencia T-183\/13 \u00a0 \u00a0 REQUISITO DE INMEDIATEZ PARA EL PAGO DE ACREENCIAS \u00a0 LABORALES-Reiteraci\u00f3n de \u00a0 jurisprudencia \u00a0 \u00a0 DERECHOS LITIGIOSOS DE CONTENIDO ECONOMICO-No procede la tutela para definirlos \u00a0 \u00a0 DERECHO FUNDAMENTAL DE PETICION-Consiste en formular petici\u00f3n respetuosa y recibir \u00a0 respuesta r\u00e1pida y de fondo \u00a0 \u00a0 El derecho de petici\u00f3n no s\u00f3lo envuelve la posibilidad \u00a0 de presentar solicitudes respetuosas a autoridades y particulares, en los casos \u00a0 se\u00f1alados por la ley y jurisprudencialmente desarrollados, y de efectivamente \u00a0 obtener una oportuna respuesta de fondo, clara, precisa y congruente, sino que \u00a0 es tambi\u00e9n garant\u00eda de transparencia ...<br \/><div class=\"pt-cv-rmwrap\"><a href=\"https:\/\/www.dmsjuridica.com\/buscador_20179478954\/corteconstitucionalcronologico202454587\/t-183-13\/\" class=\"_self pt-cv-readmore btn btn-success\" target=\"_self\">Ver Sentencia Completa...<\/a><\/div><\/div><\/div><\/div>\n<div class=\"col-md-12 col-sm-12 col-xs-12 pt-cv-content-item pt-cv-1-col\" ><div class='pt-cv-ifield'><a href=\"https:\/\/www.dmsjuridica.com\/buscador_20179478954\/corteconstitucionalcronologico202454587\/t-182-13\/\" class=\"_self pt-cv-href-thumbnail pt-cv-thumb-default\" target=\"_self\" ><\/a>\n<div class=\"pt-cv-taxoterm above_title\"><a href='https:\/\/www.dmsjuridica.com\/buscador_20179478954\/corteconstitucionalcronologico202454587\/category\/buscar-en-toda-la-corte\/2013\/tutelas-2013\/' title='Tutelas 2013' class='pt-cv-tax-tutelas-2013'>Tutelas 2013<\/a><\/div>\n<h4 class=\"pt-cv-title\"><a href=\"https:\/\/www.dmsjuridica.com\/buscador_20179478954\/corteconstitucionalcronologico202454587\/t-182-13\/\" class=\"_self\" target=\"_self\" >T-182-13<\/a><\/h4>\n<div class=\"pt-cv-content\">\u00a0 \u00a0 \u00a0 \u00a0 \u00a0 \u00a0T-182-13 \u00a0 \u00a0 \u00a0 \u00a0 \u00a0 \u00a0\u00a0 Sentencia T-182\/13 \u00a0 \u00a0 REGLAS JURISPRUDENCIALES EN MATERIA DE SUBSIDIARIEDAD \u00a0 DE LA ACCION DE TUTELA \u00a0 \u00a0 De acuerdo con el art\u00edculo 86 de la Constituci\u00f3n de \u00a0 1991, la acci\u00f3n de tutela es un mecanismo preferente y sumario de defensa \u00a0 judicial, cuyo objetivo principal es \u201cla protecci\u00f3n inmediata de [los] derechos \u00a0 constitucionales fundamentales, cuando quiera que \u00e9stos resulten vulnerados o \u00a0 amenazados por la acci\u00f3n o la omisi\u00f3n de cualquier autoridad p\u00fablica\u201d, o por la \u00a0 de los particulares en los casos que determine ...<br \/><div class=\"pt-cv-rmwrap\"><a href=\"https:\/\/www.dmsjuridica.com\/buscador_20179478954\/corteconstitucionalcronologico202454587\/t-182-13\/\" class=\"_self pt-cv-readmore btn btn-success\" target=\"_self\">Ver Sentencia Completa...<\/a><\/div><\/div><\/div><\/div>\n<div class=\"col-md-12 col-sm-12 col-xs-12 pt-cv-content-item pt-cv-1-col\" ><div class='pt-cv-ifield'><a href=\"https:\/\/www.dmsjuridica.com\/buscador_20179478954\/corteconstitucionalcronologico202454587\/t-181-13\/\" class=\"_self pt-cv-href-thumbnail pt-cv-thumb-default\" target=\"_self\" ><\/a>\n<div class=\"pt-cv-taxoterm above_title\"><a href='https:\/\/www.dmsjuridica.com\/buscador_20179478954\/corteconstitucionalcronologico202454587\/category\/buscar-en-toda-la-corte\/2013\/tutelas-2013\/' title='Tutelas 2013' class='pt-cv-tax-tutelas-2013'>Tutelas 2013<\/a><\/div>\n<h4 class=\"pt-cv-title\"><a href=\"https:\/\/www.dmsjuridica.com\/buscador_20179478954\/corteconstitucionalcronologico202454587\/t-181-13\/\" class=\"_self\" target=\"_self\" >T-181-13<\/a><\/h4>\n<div class=\"pt-cv-content\">\u00a0 \u00a0 \u00a0 \u00a0 \u00a0 \u00a0T-181-13 \u00a0 \u00a0 \u00a0 \u00a0 \u00a0 \u00a0\u00a0 Sentencia T-181\/13 \u00a0 \u00a0 CARENCIA ACTUAL DE OBJETO POR HECHO SUPERADO-Configuraci\u00f3n \u00a0 \u00a0 CARENCIA ACTUAL DE OBJETO POR HECHO SUPERADO-Empresa de acueducto celebr\u00f3 contrato para la \u00a0 prestaci\u00f3n del servicio y realiz\u00f3 la instalaci\u00f3n del servicio de agua \u00a0 \u00a0 Referencia: expediente T-3.694.675 \u00a0 \u00a0 Asunto: Acci\u00f3n de tutela instaurada por \u00a0 Piedad Berr\u00edo Solano contra la empresa Proactiva Aguas de Monter\u00eda S.A. ESP \u00a0 \u00a0 Magistrado Ponente: \u00a0 \u00a0 LUIS GUILLERMO GUERRERO P\u00c9REZ \u00a0 \u00a0 Bogot\u00e1 DC, cuatro (4) de abril de dos mil trece (2013) \u00a0 ...<br \/><div class=\"pt-cv-rmwrap\"><a href=\"https:\/\/www.dmsjuridica.com\/buscador_20179478954\/corteconstitucionalcronologico202454587\/t-181-13\/\" class=\"_self pt-cv-readmore btn btn-success\" target=\"_self\">Ver Sentencia Completa...<\/a><\/div><\/div><\/div><\/div>\n<div class=\"col-md-12 col-sm-12 col-xs-12 pt-cv-content-item pt-cv-1-col\" ><div class='pt-cv-ifield'><a href=\"https:\/\/www.dmsjuridica.com\/buscador_20179478954\/corteconstitucionalcronologico202454587\/t-180-13\/\" class=\"_self pt-cv-href-thumbnail pt-cv-thumb-default\" target=\"_self\" ><\/a>\n<div class=\"pt-cv-taxoterm above_title\"><a href='https:\/\/www.dmsjuridica.com\/buscador_20179478954\/corteconstitucionalcronologico202454587\/category\/buscar-en-toda-la-corte\/2013\/tutelas-2013\/' title='Tutelas 2013' class='pt-cv-tax-tutelas-2013'>Tutelas 2013<\/a><\/div>\n<h4 class=\"pt-cv-title\"><a href=\"https:\/\/www.dmsjuridica.com\/buscador_20179478954\/corteconstitucionalcronologico202454587\/t-180-13\/\" class=\"_self\" target=\"_self\" >T-180-13<\/a><\/h4>\n<div class=\"pt-cv-content\">\u00a0 \u00a0 \u00a0 \u00a0 \u00a0 \u00a0T-180-13 \u00a0 \u00a0 \u00a0 \u00a0 \u00a0 \u00a0\u00a0 Sentencia T-180\/13 \u00a0 \u00a0 DERECHO A LA SALUD COMO DERECHO FUNDAMENTAL AUTONOMO-Reiteraci\u00f3n de jurisprudencia \u00a0 \u00a0 DERECHO A LA SALUD DE PERSONAS DE LA TERCERA EDAD-Fundamental aut\u00f3nomo \u00a0 \u00a0 SUMINISTRO DE MEDICAMENTOS, TRATAMIENTOS Y \u00a0 PROCEDIMIENTOS EXCLUIDOS DEL POS-Reiteraci\u00f3n \u00a0 de jurisprudencia\/DERECHO DE ACCESO AL SERVICIO DE SALUD QUE SE REQUIERE CON \u00a0 NECESIDAD-Reiteraci\u00f3n de jurisprudencia \u00a0 \u00a0 Toda persona tiene el derecho a que se le garantice el acceso a los servicios de \u00a0 salud que requiera. Cuando el servicio que requiera no est\u00e1 incluido en el ...<br \/><div class=\"pt-cv-rmwrap\"><a href=\"https:\/\/www.dmsjuridica.com\/buscador_20179478954\/corteconstitucionalcronologico202454587\/t-180-13\/\" class=\"_self pt-cv-readmore btn btn-success\" target=\"_self\">Ver Sentencia Completa...<\/a><\/div><\/div><\/div><\/div>\n<div class=\"col-md-12 col-sm-12 col-xs-12 pt-cv-content-item pt-cv-1-col\" ><div class='pt-cv-ifield'><a href=\"https:\/\/www.dmsjuridica.com\/buscador_20179478954\/corteconstitucionalcronologico202454587\/t-179-13\/\" class=\"_self pt-cv-href-thumbnail pt-cv-thumb-default\" target=\"_self\" ><\/a>\n<div class=\"pt-cv-taxoterm above_title\"><a href='https:\/\/www.dmsjuridica.com\/buscador_20179478954\/corteconstitucionalcronologico202454587\/category\/buscar-en-toda-la-corte\/2013\/tutelas-2013\/' title='Tutelas 2013' class='pt-cv-tax-tutelas-2013'>Tutelas 2013<\/a><\/div>\n<h4 class=\"pt-cv-title\"><a href=\"https:\/\/www.dmsjuridica.com\/buscador_20179478954\/corteconstitucionalcronologico202454587\/t-179-13\/\" class=\"_self\" target=\"_self\" >T-179-13<\/a><\/h4>\n<div class=\"pt-cv-content\">\u00a0 \u00a0 \u00a0 \u00a0 \u00a0 \u00a0T-179-13 \u00a0 \u00a0 \u00a0 \u00a0 \u00a0 \u00a0\u00a0 Sentencia T-179\/13 \u00a0 \u00a0 ACCION DE \u00a0 TUTELA PARA SOLICITAR PROTECCION DEL DERECHO AL AGUA-Procedencia excepcional \u00a0 \u00a0 DERECHO \u00a0 FUNDAMENTAL AL AGUA-Protecci\u00f3n constitucional\/DERECHO FUNDAMENTAL AL \u00a0 AGUA-Protecci\u00f3n internacional \u00a0 \u00a0 DERECHO \u00a0 FUNDAMENTAL AL AGUA-Obligaciones del Estado para garantizar disponibilidad, \u00a0 accesibilidad, calidad del servicio de agua y no discriminaci\u00f3n en la \u00a0 distribuci\u00f3n \u00a0 \u00a0 La Corte Constitucional en \u00a0 m\u00faltiples pronunciamientos ha manifestado que, el contenido del derecho en \u00a0 menci\u00f3n implica unos factores m\u00ednimos que deben estar presentes en el suministro \u00a0 del l\u00edquido ...<br \/><div class=\"pt-cv-rmwrap\"><a href=\"https:\/\/www.dmsjuridica.com\/buscador_20179478954\/corteconstitucionalcronologico202454587\/t-179-13\/\" class=\"_self pt-cv-readmore btn btn-success\" target=\"_self\">Ver Sentencia Completa...<\/a><\/div><\/div><\/div><\/div>\n<div class=\"col-md-12 col-sm-12 col-xs-12 pt-cv-content-item pt-cv-1-col\" ><div class='pt-cv-ifield'><a href=\"https:\/\/www.dmsjuridica.com\/buscador_20179478954\/corteconstitucionalcronologico202454587\/t-178-13\/\" class=\"_self pt-cv-href-thumbnail pt-cv-thumb-default\" target=\"_self\" ><\/a>\n<div class=\"pt-cv-taxoterm above_title\"><a href='https:\/\/www.dmsjuridica.com\/buscador_20179478954\/corteconstitucionalcronologico202454587\/category\/buscar-en-toda-la-corte\/2013\/tutelas-2013\/' title='Tutelas 2013' class='pt-cv-tax-tutelas-2013'>Tutelas 2013<\/a><\/div>\n<h4 class=\"pt-cv-title\"><a href=\"https:\/\/www.dmsjuridica.com\/buscador_20179478954\/corteconstitucionalcronologico202454587\/t-178-13\/\" class=\"_self\" target=\"_self\" >T-178-13<\/a><\/h4>\n<div class=\"pt-cv-content\">\u00a0 \u00a0 \u00a0 \u00a0 \u00a0 \u00a0T-178-13 \u00a0 \u00a0 \u00a0 \u00a0 \u00a0 \u00a0\u00a0 Sentencia \u00a0 T-178\/13 \u00a0 \u00a0 CARENCIA ACTUAL DE OBJETO POR HECHO SUPERADO-El accionante ya retorn\u00f3 al municipio donde \u00a0 originariamente se desempe\u00f1aba como Registrador Municipal \u00a0 \u00a0 Referencia: expediente T- 3.402.731 \u00a0 \u00a0 Accionante: \u00a0 \u00a0 Arturo Jacinto Camargo Jim\u00e9nez \u00a0 \u00a0 Accionado: \u00a0 \u00a0 Registradur\u00eda Nacional del Estado Civil \u00a0 \u00a0 Magistrado Ponente: \u00a0 \u00a0 GABRIEL EDUARDO MENDOZA MARTELO \u00a0 \u00a0 Bogot\u00e1, D.C., dos (2) de abril de dos mil trece (2013) \u00a0 \u00a0 La \u00a0 Sala Cuarta de Revisi\u00f3n de la Corte Constitucional, integrada por los ...<br \/><div class=\"pt-cv-rmwrap\"><a href=\"https:\/\/www.dmsjuridica.com\/buscador_20179478954\/corteconstitucionalcronologico202454587\/t-178-13\/\" class=\"_self pt-cv-readmore btn btn-success\" target=\"_self\">Ver Sentencia Completa...<\/a><\/div><\/div><\/div><\/div>\n<div class=\"col-md-12 col-sm-12 col-xs-12 pt-cv-content-item pt-cv-1-col\" ><div class='pt-cv-ifield'><a href=\"https:\/\/www.dmsjuridica.com\/buscador_20179478954\/corteconstitucionalcronologico202454587\/t-177-13\/\" class=\"_self pt-cv-href-thumbnail pt-cv-thumb-default\" target=\"_self\" ><\/a>\n<div class=\"pt-cv-taxoterm above_title\"><a href='https:\/\/www.dmsjuridica.com\/buscador_20179478954\/corteconstitucionalcronologico202454587\/category\/buscar-en-toda-la-corte\/2013\/tutelas-2013\/' title='Tutelas 2013' class='pt-cv-tax-tutelas-2013'>Tutelas 2013<\/a><\/div>\n<h4 class=\"pt-cv-title\"><a href=\"https:\/\/www.dmsjuridica.com\/buscador_20179478954\/corteconstitucionalcronologico202454587\/t-177-13\/\" class=\"_self\" target=\"_self\" >T-177-13<\/a><\/h4>\n<div class=\"pt-cv-content\">\u00a0 \u00a0 \u00a0 \u00a0 \u00a0 \u00a0T-177-13 \u00a0 \u00a0 \u00a0 \u00a0 \u00a0 \u00a0\u00a0 Sentencia T-177\/13 \u00a0 \u00a0 ACCION DE TUTELA PARA SOLICITAR \u00a0 PAGO DE CUOTA ALIMENTARIA-Procedencia excepcional para evitar perjuicio \u00a0 irremediable y ser persona de la tercera edad con diversos problemas de salud \u00a0 \u00a0 DERECHO AL MINIMO VITAL DE \u00a0 PERSONA DE LA TERCERA EDAD-Vulneraci\u00f3n por el ISS al negar pago de cuota \u00a0 alimentaria, a cargo de la pensi\u00f3n de su ex esposo fallecido \u00a0 \u00a0 ALIMENTOS QUE SE DEBEN ENTRE \u00a0 CONYUGES DIVORCIADOS-Fundamento normativo\/DIVORCIO-Pago de \u00a0 alimentos al c\u00f3nyuge inocente \u00a0 \u00a0 EXTINCION DE LA OBLIGACION ...<br \/><div class=\"pt-cv-rmwrap\"><a href=\"https:\/\/www.dmsjuridica.com\/buscador_20179478954\/corteconstitucionalcronologico202454587\/t-177-13\/\" class=\"_self pt-cv-readmore btn btn-success\" target=\"_self\">Ver Sentencia Completa...<\/a><\/div><\/div><\/div><\/div>\n<div class=\"col-md-12 col-sm-12 col-xs-12 pt-cv-content-item pt-cv-1-col\" ><div class='pt-cv-ifield'><a href=\"https:\/\/www.dmsjuridica.com\/buscador_20179478954\/corteconstitucionalcronologico202454587\/t-176-13\/\" class=\"_self pt-cv-href-thumbnail pt-cv-thumb-default\" target=\"_self\" ><\/a>\n<div class=\"pt-cv-taxoterm above_title\"><a href='https:\/\/www.dmsjuridica.com\/buscador_20179478954\/corteconstitucionalcronologico202454587\/category\/buscar-en-toda-la-corte\/2013\/tutelas-2013\/' title='Tutelas 2013' class='pt-cv-tax-tutelas-2013'>Tutelas 2013<\/a><\/div>\n<h4 class=\"pt-cv-title\"><a href=\"https:\/\/www.dmsjuridica.com\/buscador_20179478954\/corteconstitucionalcronologico202454587\/t-176-13\/\" class=\"_self\" target=\"_self\" >T-176-13<\/a><\/h4>\n<div class=\"pt-cv-content\">\u00a0 \u00a0 \u00a0 \u00a0 \u00a0 \u00a0T-176-13 \u00a0 \u00a0 \u00a0 \u00a0 \u00a0 \u00a0\u00a0 Sentencia T-176\/13 \u00a0 \u00a0 DERECHO FUNDAMENTAL A LA \u00a0 VIVIENDA DIGNA DE POBLACION DESPLAZADA-Procedencia de la acci\u00f3n de tutela \u00a0 \u00a0 DERECHOS SOCIALES, ECONOMICOS Y \u00a0 CULTURALES-Obligaciones del Estado de cumplimiento inmediato y obligaciones \u00a0 de desarrollo progresivo \u00a0 \u00a0 OBLIGACIONES VINCULADAS CON EL \u00a0 DERECHO A LA VIVIENDA DIGNA-Facetas de cumplimiento inmediato o en periodos breves de \u00a0 tiempo \u00a0 \u00a0 Son las siguientes: (i) \u00a0 garantizar unos contenidos m\u00ednimos o esenciales del respectivo derecho a todos \u00a0 sus titulares; (ii) iniciar cuanto antes el proceso encaminado ...<br \/><div class=\"pt-cv-rmwrap\"><a href=\"https:\/\/www.dmsjuridica.com\/buscador_20179478954\/corteconstitucionalcronologico202454587\/t-176-13\/\" class=\"_self pt-cv-readmore btn btn-success\" target=\"_self\">Ver Sentencia Completa...<\/a><\/div><\/div><\/div><\/div>\n<div class=\"col-md-12 col-sm-12 col-xs-12 pt-cv-content-item pt-cv-1-col\" ><div class='pt-cv-ifield'><a href=\"https:\/\/www.dmsjuridica.com\/buscador_20179478954\/corteconstitucionalcronologico202454587\/t-175-13\/\" class=\"_self pt-cv-href-thumbnail pt-cv-thumb-default\" target=\"_self\" ><\/a>\n<div class=\"pt-cv-taxoterm above_title\"><a href='https:\/\/www.dmsjuridica.com\/buscador_20179478954\/corteconstitucionalcronologico202454587\/category\/buscar-en-toda-la-corte\/2013\/tutelas-2013\/' title='Tutelas 2013' class='pt-cv-tax-tutelas-2013'>Tutelas 2013<\/a><\/div>\n<h4 class=\"pt-cv-title\"><a href=\"https:\/\/www.dmsjuridica.com\/buscador_20179478954\/corteconstitucionalcronologico202454587\/t-175-13\/\" class=\"_self\" target=\"_self\" >T-175-13<\/a><\/h4>\n<div class=\"pt-cv-content\">\u00a0 \u00a0 \u00a0 \u00a0 \u00a0 \u00a0T-175-13 \u00a0 \u00a0 \u00a0 \u00a0 \u00a0 \u00a0\u00a0 Sentencia T-175\/13 \u00a0 \u00a0 DERECHO A LA \u00a0 VIVIENDA DIGNA-Procedencia de la acci\u00f3n de tutela cuando se trate de sujetos de \u00a0 especial protecci\u00f3n por habitar zona declarada de alto riesgo no mitigable \u00a0 \u00a0 DERECHO A LA \u00a0 VIVIENDA DIGNA-Naturaleza y alcance \u00a0 \u00a0 RESPONSABILIDAD \u00a0 DE LAS AUTORIDADES MUNICIPALES EN LA PREVENCION Y ATENCION DE DESASTRES Y DEBER \u00a0 DE REUBICACION-Caso de hogares situados en zonas de alto riesgo \u00a0 \u00a0 Si bien las personas afectadas por \u00a0 desastres naturales deben tener un m\u00ednimo de diligencia ...<br \/><div class=\"pt-cv-rmwrap\"><a href=\"https:\/\/www.dmsjuridica.com\/buscador_20179478954\/corteconstitucionalcronologico202454587\/t-175-13\/\" class=\"_self pt-cv-readmore btn btn-success\" target=\"_self\">Ver Sentencia Completa...<\/a><\/div><\/div><\/div><\/div>\n<div class=\"col-md-12 col-sm-12 col-xs-12 pt-cv-content-item pt-cv-1-col\" ><div class='pt-cv-ifield'><a href=\"https:\/\/www.dmsjuridica.com\/buscador_20179478954\/corteconstitucionalcronologico202454587\/t-174-13\/\" class=\"_self pt-cv-href-thumbnail pt-cv-thumb-default\" target=\"_self\" ><\/a>\n<div class=\"pt-cv-taxoterm above_title\"><a href='https:\/\/www.dmsjuridica.com\/buscador_20179478954\/corteconstitucionalcronologico202454587\/category\/buscar-en-toda-la-corte\/2013\/tutelas-2013\/' title='Tutelas 2013' class='pt-cv-tax-tutelas-2013'>Tutelas 2013<\/a><\/div>\n<h4 class=\"pt-cv-title\"><a href=\"https:\/\/www.dmsjuridica.com\/buscador_20179478954\/corteconstitucionalcronologico202454587\/t-174-13\/\" class=\"_self\" target=\"_self\" >T-174-13<\/a><\/h4>\n<div class=\"pt-cv-content\">\u00a0 \u00a0 \u00a0 \u00a0 \u00a0 \u00a0T-174-13 \u00a0 \u00a0 \u00a0 \u00a0 \u00a0 \u00a0\u00a0 Sentencia T-174\/13 \u00a0 \u00a0 DERECHO A LA \u00a0 SALUD-Evoluci\u00f3n jurisprudencial sobre su fundamentalidad \u00a0 \u00a0 SUMINISTRO DE MEDICAMENTOS, TRATAMIENTOS Y PROCEDIMIENTOS EXCLUIDOS DEL \u00a0 POS-Requisitos \u00a0 \u00a0 INCAPACIDAD \u00a0 ECONOMICA EN MATERIA DE SALUD-Reglas jurisprudenciales sobre la prueba\/JUEZ \u00a0 DE TUTELA-Criterios de valoraci\u00f3n probatoria de la incapacidad econ\u00f3mica en \u00a0 materia de salud \u00a0 \u00a0 En desarrollo de la jurisprudencia este tribunal ha decantado una serie \u00a0 de reglas en materia probatoria que el juez de tutela debe aplicar, atendiendo \u00a0 la obligaci\u00f3n de salvaguardar a todas las ...<br \/><div class=\"pt-cv-rmwrap\"><a href=\"https:\/\/www.dmsjuridica.com\/buscador_20179478954\/corteconstitucionalcronologico202454587\/t-174-13\/\" class=\"_self pt-cv-readmore btn btn-success\" target=\"_self\">Ver Sentencia Completa...<\/a><\/div><\/div><\/div><\/div>\n<div class=\"col-md-12 col-sm-12 col-xs-12 pt-cv-content-item pt-cv-1-col\" ><div class='pt-cv-ifield'><a href=\"https:\/\/www.dmsjuridica.com\/buscador_20179478954\/corteconstitucionalcronologico202454587\/t-173-13\/\" class=\"_self pt-cv-href-thumbnail pt-cv-thumb-default\" target=\"_self\" ><\/a>\n<div class=\"pt-cv-taxoterm above_title\"><a href='https:\/\/www.dmsjuridica.com\/buscador_20179478954\/corteconstitucionalcronologico202454587\/category\/buscar-en-toda-la-corte\/2013\/tutelas-2013\/' title='Tutelas 2013' class='pt-cv-tax-tutelas-2013'>Tutelas 2013<\/a><\/div>\n<h4 class=\"pt-cv-title\"><a href=\"https:\/\/www.dmsjuridica.com\/buscador_20179478954\/corteconstitucionalcronologico202454587\/t-173-13\/\" class=\"_self\" target=\"_self\" >T-173-13<\/a><\/h4>\n<div class=\"pt-cv-content\">\u00a0 \u00a0 \u00a0 \u00a0 \u00a0 \u00a0T-173-13 \u00a0 \u00a0 \u00a0 \u00a0 \u00a0 \u00a0\u00a0 Sentencia T-173\/13 \u00a0 \u00a0 DERECHO FUNDAMENTAL DE PETICION-Contenido y alcance \u00a0 \u00a0 DERECHO DE PETICION-Falta \u00a0 de competencia de la entidad ante quien se solicita la informaci\u00f3n no la exonera \u00a0 de contestar \u00a0 \u00a0 Desde la sentencia T-1006 de 2001 la Corte advirti\u00f3 que (i) la falta de \u00a0 competencia de la entidad ante quien se presenta la solicitud no la exime de la \u00a0 obligaci\u00f3n de contestar y, en todo caso, (ii) la entidad p\u00fablica debe comunicar \u00a0 su respuesta al peticionario. As\u00ed que para garantizar ...<br \/><div class=\"pt-cv-rmwrap\"><a href=\"https:\/\/www.dmsjuridica.com\/buscador_20179478954\/corteconstitucionalcronologico202454587\/t-173-13\/\" class=\"_self pt-cv-readmore btn btn-success\" target=\"_self\">Ver Sentencia Completa...<\/a><\/div><\/div><\/div><\/div>\n<div class=\"col-md-12 col-sm-12 col-xs-12 pt-cv-content-item pt-cv-1-col\" ><div class='pt-cv-ifield'><a href=\"https:\/\/www.dmsjuridica.com\/buscador_20179478954\/corteconstitucionalcronologico202454587\/t-172-13\/\" class=\"_self pt-cv-href-thumbnail pt-cv-thumb-default\" target=\"_self\" ><\/a>\n<div class=\"pt-cv-taxoterm above_title\"><a href='https:\/\/www.dmsjuridica.com\/buscador_20179478954\/corteconstitucionalcronologico202454587\/category\/buscar-en-toda-la-corte\/2013\/tutelas-2013\/' title='Tutelas 2013' class='pt-cv-tax-tutelas-2013'>Tutelas 2013<\/a><\/div>\n<h4 class=\"pt-cv-title\"><a href=\"https:\/\/www.dmsjuridica.com\/buscador_20179478954\/corteconstitucionalcronologico202454587\/t-172-13\/\" class=\"_self\" target=\"_self\" >T-172-13<\/a><\/h4>\n<div class=\"pt-cv-content\">\u00a0 \u00a0 \u00a0 \u00a0 \u00a0 \u00a0T-172-13 \u00a0 \u00a0 \u00a0 \u00a0 \u00a0 \u00a0\u00a0 Sentencia T-172\/13 \u00a0 \u00a0 PRINCIPIO DE \u00a0 INMEDIATEZ EN ACCION DE TUTELA-Inaplicaci\u00f3n cuando violaci\u00f3n persiste en el \u00a0 tiempo \u00a0 \u00a0 El juez de tutela puede hallar \u00a0 la proporcionalidad entre el medio judicial utilizado por el accionante y el fin \u00a0 perseguido, para de esta manera determinar la procedencia de la acci\u00f3n de tutela \u00a0 como mecanismo id\u00f3neo para la protecci\u00f3n del derecho fundamental reclamado. \u00a0 Adem\u00e1s de lo anterior, la jurisprudencia tambi\u00e9n ha destacado que puede resultar \u00a0 admisible que transcurra un extenso espacio de tiempo ...<br \/><div class=\"pt-cv-rmwrap\"><a href=\"https:\/\/www.dmsjuridica.com\/buscador_20179478954\/corteconstitucionalcronologico202454587\/t-172-13\/\" class=\"_self pt-cv-readmore btn btn-success\" target=\"_self\">Ver Sentencia Completa...<\/a><\/div><\/div><\/div><\/div>\n<div class=\"col-md-12 col-sm-12 col-xs-12 pt-cv-content-item pt-cv-1-col\" ><div class='pt-cv-ifield'><a href=\"https:\/\/www.dmsjuridica.com\/buscador_20179478954\/corteconstitucionalcronologico202454587\/t-171-13\/\" class=\"_self pt-cv-href-thumbnail pt-cv-thumb-default\" target=\"_self\" ><\/a>\n<div class=\"pt-cv-taxoterm above_title\"><a href='https:\/\/www.dmsjuridica.com\/buscador_20179478954\/corteconstitucionalcronologico202454587\/category\/buscar-en-toda-la-corte\/2013\/tutelas-2013\/' title='Tutelas 2013' class='pt-cv-tax-tutelas-2013'>Tutelas 2013<\/a><\/div>\n<h4 class=\"pt-cv-title\"><a href=\"https:\/\/www.dmsjuridica.com\/buscador_20179478954\/corteconstitucionalcronologico202454587\/t-171-13\/\" class=\"_self\" target=\"_self\" >T-171-13<\/a><\/h4>\n<div class=\"pt-cv-content\">\u00a0 \u00a0 \u00a0 \u00a0 \u00a0 \u00a0T-171-13 \u00a0 \u00a0 \u00a0 \u00a0 \u00a0 \u00a0\u00a0 Sentencia T-171\/13 \u00a0 \u00a0 ACCION DE \u00a0 TUTELA-Car\u00e1cter subsidiario y residual por existencia de otro medio de \u00a0 defensa judicial \u00a0 \u00a0 La Corte Constitucional ha \u00a0 sostenido que, debido al car\u00e1cter subsidiario y residual de la acci\u00f3n de tutela,\u00a0 \u00a0 solo se podr\u00e1 acudir a ella en ausencia de otro medio de defensa judicial, toda \u00a0 vez que \u00e9sta no puede entrar a sustituir los recursos ordinarios previstos por \u00a0 el legislador para el amparo de un derecho. \u00a0 \u00a0 PRINCIPIO DE \u00a0 SUBSIDIARIEDAD-Excepciones \u00a0 \u00a0 La ...<br \/><div class=\"pt-cv-rmwrap\"><a href=\"https:\/\/www.dmsjuridica.com\/buscador_20179478954\/corteconstitucionalcronologico202454587\/t-171-13\/\" class=\"_self pt-cv-readmore btn btn-success\" target=\"_self\">Ver Sentencia Completa...<\/a><\/div><\/div><\/div><\/div>\n<div class=\"col-md-12 col-sm-12 col-xs-12 pt-cv-content-item pt-cv-1-col\" ><div class='pt-cv-ifield'><a href=\"https:\/\/www.dmsjuridica.com\/buscador_20179478954\/corteconstitucionalcronologico202454587\/t-170-13\/\" class=\"_self pt-cv-href-thumbnail pt-cv-thumb-default\" target=\"_self\" ><\/a>\n<div class=\"pt-cv-taxoterm above_title\"><a href='https:\/\/www.dmsjuridica.com\/buscador_20179478954\/corteconstitucionalcronologico202454587\/category\/buscar-en-toda-la-corte\/2013\/tutelas-2013\/' title='Tutelas 2013' class='pt-cv-tax-tutelas-2013'>Tutelas 2013<\/a><\/div>\n<h4 class=\"pt-cv-title\"><a href=\"https:\/\/www.dmsjuridica.com\/buscador_20179478954\/corteconstitucionalcronologico202454587\/t-170-13\/\" class=\"_self\" target=\"_self\" >T-170-13<\/a><\/h4>\n<div class=\"pt-cv-content\">\u00a0 \u00a0 \u00a0 \u00a0 \u00a0 \u00a0T-170-13 \u00a0 \u00a0 \u00a0 \u00a0 \u00a0 \u00a0\u00a0 Sentencia T-170\/13 \u00a0 \u00a0 ACCION DE \u00a0 TUTELA FRENTE A ACTOS ADMINISTRATIVOS EN MATERIA DE CONCURSO DE MERITOS-Procedencia \u00a0 excepcional \u00a0 \u00a0 GERENTES DE EMPRESAS \u00a0 SOCIALES DEL ESTADO-Per\u00edodos institucionales de cuatro (4) a\u00f1os, con \u00a0 posibilidad de reelecci\u00f3n por una sola vez \u00a0 \u00a0 Se advierte \u00a0 que aunque los cargos de gerente de las ESE son empleos de libre nombramiento y \u00a0 remoci\u00f3n, respecto de los cuales los nominadores cuentan con la discrecionalidad \u00a0 para su provisi\u00f3n, se advierte que el legislador decidi\u00f3 (i) someter el ...<br \/><div class=\"pt-cv-rmwrap\"><a href=\"https:\/\/www.dmsjuridica.com\/buscador_20179478954\/corteconstitucionalcronologico202454587\/t-170-13\/\" class=\"_self pt-cv-readmore btn btn-success\" target=\"_self\">Ver Sentencia Completa...<\/a><\/div><\/div><\/div><\/div>\n<div class=\"col-md-12 col-sm-12 col-xs-12 pt-cv-content-item pt-cv-1-col\" ><div class='pt-cv-ifield'><a href=\"https:\/\/www.dmsjuridica.com\/buscador_20179478954\/corteconstitucionalcronologico202454587\/t-169-13\/\" class=\"_self pt-cv-href-thumbnail pt-cv-thumb-default\" target=\"_self\" ><\/a>\n<div class=\"pt-cv-taxoterm above_title\"><a href='https:\/\/www.dmsjuridica.com\/buscador_20179478954\/corteconstitucionalcronologico202454587\/category\/buscar-en-toda-la-corte\/2013\/tutelas-2013\/' title='Tutelas 2013' class='pt-cv-tax-tutelas-2013'>Tutelas 2013<\/a><\/div>\n<h4 class=\"pt-cv-title\"><a href=\"https:\/\/www.dmsjuridica.com\/buscador_20179478954\/corteconstitucionalcronologico202454587\/t-169-13\/\" class=\"_self\" target=\"_self\" >T-169-13<\/a><\/h4>\n<div class=\"pt-cv-content\">\u00a0 \u00a0 \u00a0 \u00a0 \u00a0 \u00a0T-169-13 \u00a0 \u00a0 \u00a0 \u00a0 \u00a0 \u00a0\u00a0 \u00a0Sentencia T-169\/13 \u00a0 \u00a0 ACCION DE TUTELA CONTRA PROVIDENCIAS JUDICIALES-Reiteraci\u00f3n de jurisprudencia sobre requisitos \u00a0 generales y especiales de procedibilidad \u00a0 \u00a0 LEGITIMACION EN LA CAUSA POR ACTIVA EN TUTELA DE \u00a0 PERSONA JURIDICA-Reiteraci\u00f3n de jurisprudencia\/DEBIDO PROCESO DE PERSONA JURIDICA-Titularidad \u00a0 \u00a0 Aunque en ciertos eventos la protecci\u00f3n \u00a0 de los derechos de una persona jur\u00eddica, privada o p\u00fablica, se deriva de la \u00a0 necesidad de amparar las garant\u00edas fundamentales de personas naturales \u00a0 relacionadas con aqu\u00e9llas, ello no es \u00f3bice para no tutelar otros derechos de \u00a0 ...<br \/><div class=\"pt-cv-rmwrap\"><a href=\"https:\/\/www.dmsjuridica.com\/buscador_20179478954\/corteconstitucionalcronologico202454587\/t-169-13\/\" class=\"_self pt-cv-readmore btn btn-success\" target=\"_self\">Ver Sentencia Completa...<\/a><\/div><\/div><\/div><\/div>\n<div class=\"col-md-12 col-sm-12 col-xs-12 pt-cv-content-item pt-cv-1-col\" ><div class='pt-cv-ifield'><a href=\"https:\/\/www.dmsjuridica.com\/buscador_20179478954\/corteconstitucionalcronologico202454587\/t-168-13\/\" class=\"_self pt-cv-href-thumbnail pt-cv-thumb-default\" target=\"_self\" ><\/a>\n<div class=\"pt-cv-taxoterm above_title\"><a href='https:\/\/www.dmsjuridica.com\/buscador_20179478954\/corteconstitucionalcronologico202454587\/category\/buscar-en-toda-la-corte\/2013\/tutelas-2013\/' title='Tutelas 2013' class='pt-cv-tax-tutelas-2013'>Tutelas 2013<\/a><\/div>\n<h4 class=\"pt-cv-title\"><a href=\"https:\/\/www.dmsjuridica.com\/buscador_20179478954\/corteconstitucionalcronologico202454587\/t-168-13\/\" class=\"_self\" target=\"_self\" >T-168-13<\/a><\/h4>\n<div class=\"pt-cv-content\">\u00a0 \u00a0 \u00a0 \u00a0 \u00a0 \u00a0T-168-13 \u00a0 \u00a0 \u00a0 \u00a0 \u00a0 \u00a0\u00a0 Sentencia T-168\/13 \u00a0 \u00a0 DERECHO A LA SALUD-Vulneraci\u00f3n por EPS al negarse a remitir a la \u00a0 paciente con especialista en cirug\u00eda vascular \u00a0 \u00a0 DERECHOS DEL \u00a0 PACIENTE A SEGUNDA OPINION MEDICA-Solicitud justificada \u00a0 \u00a0 Este tribunal ha se\u00f1alado que \u00a0 cuando el estado del paciente revela que el tratamiento prescrito por el m\u00e9dico \u00a0 encargado no ha sido efectivo para mitigar la enfermedad, aqu\u00e9l \u201ctiene derecho a buscar una segunda opini\u00f3n \u00a0 m\u00e9dica y a que la instituci\u00f3n que lo ha venido tratando, le suministre a ...<br \/><div class=\"pt-cv-rmwrap\"><a href=\"https:\/\/www.dmsjuridica.com\/buscador_20179478954\/corteconstitucionalcronologico202454587\/t-168-13\/\" class=\"_self pt-cv-readmore btn btn-success\" target=\"_self\">Ver Sentencia Completa...<\/a><\/div><\/div><\/div><\/div>\n<div class=\"col-md-12 col-sm-12 col-xs-12 pt-cv-content-item pt-cv-1-col\" ><div class='pt-cv-ifield'><a href=\"https:\/\/www.dmsjuridica.com\/buscador_20179478954\/corteconstitucionalcronologico202454587\/t-167-13\/\" class=\"_self pt-cv-href-thumbnail pt-cv-thumb-default\" target=\"_self\" ><\/a>\n<div class=\"pt-cv-taxoterm above_title\"><a href='https:\/\/www.dmsjuridica.com\/buscador_20179478954\/corteconstitucionalcronologico202454587\/category\/buscar-en-toda-la-corte\/2013\/tutelas-2013\/' title='Tutelas 2013' class='pt-cv-tax-tutelas-2013'>Tutelas 2013<\/a><\/div>\n<h4 class=\"pt-cv-title\"><a href=\"https:\/\/www.dmsjuridica.com\/buscador_20179478954\/corteconstitucionalcronologico202454587\/t-167-13\/\" class=\"_self\" target=\"_self\" >T-167-13<\/a><\/h4>\n<div class=\"pt-cv-content\">\u00a0 \u00a0 \u00a0 \u00a0 \u00a0 \u00a0T-167-13 \u00a0 \u00a0 \u00a0 \u00a0 \u00a0 \u00a0\u00a0 Sentencia T-167\/13 \u00a0 \u00a0 DERECHO AL DEBIDO PROCESO \u00a0 ADMINISTRATIVO-Concepto \u00a0 \u00a0 Este tribunal ha definido el debido proceso administrativo como (i) un conjunto \u00a0 complejo de condiciones que le impone la ley a la administraci\u00f3n, materializado \u00a0 en el cumplimiento de una secuencia de actos por parte de la autoridad \u00a0 administrativa, (ii) que guarda relaci\u00f3n directa o indirecta entre s\u00ed, y (iii) \u00a0 cuyo fin est\u00e1 previamente determinado de manera constitucional y legal. Se ha \u00a0 precisado tambi\u00e9n que con esta garant\u00eda se busca (i) asegurar ...<br \/><div class=\"pt-cv-rmwrap\"><a href=\"https:\/\/www.dmsjuridica.com\/buscador_20179478954\/corteconstitucionalcronologico202454587\/t-167-13\/\" class=\"_self pt-cv-readmore btn btn-success\" target=\"_self\">Ver Sentencia Completa...<\/a><\/div><\/div><\/div><\/div>\n<div class=\"col-md-12 col-sm-12 col-xs-12 pt-cv-content-item pt-cv-1-col\" ><div class='pt-cv-ifield'><a href=\"https:\/\/www.dmsjuridica.com\/buscador_20179478954\/corteconstitucionalcronologico202454587\/t-166-13\/\" class=\"_self pt-cv-href-thumbnail pt-cv-thumb-default\" target=\"_self\" ><\/a>\n<div class=\"pt-cv-taxoterm above_title\"><a href='https:\/\/www.dmsjuridica.com\/buscador_20179478954\/corteconstitucionalcronologico202454587\/category\/buscar-en-toda-la-corte\/2013\/tutelas-2013\/' title='Tutelas 2013' class='pt-cv-tax-tutelas-2013'>Tutelas 2013<\/a><\/div>\n<h4 class=\"pt-cv-title\"><a href=\"https:\/\/www.dmsjuridica.com\/buscador_20179478954\/corteconstitucionalcronologico202454587\/t-166-13\/\" class=\"_self\" target=\"_self\" >T-166-13<\/a><\/h4>\n<div class=\"pt-cv-content\">\u00a0 \u00a0 \u00a0 \u00a0 \u00a0 \u00a0T-166-13 \u00a0 \u00a0 \u00a0 \u00a0 \u00a0 \u00a0\u00a0 Sentencia T-166\/13 \u00a0 \u00a0 ACCION DE TUTELA PARA RECONOCIMIENTO DE \u00a0 PENSION DE VEJEZ-Improcedencia por no \u00a0 afectar derechos fundamentales y por no haber agotado los medios ordinarios de \u00a0 defensa \u00a0 \u00a0 Por regla general la acci\u00f3n de tutela \u00a0 resulta improcedente para reclamar por v\u00eda judicial el reconocimiento o \u00a0 reliquidaci\u00f3n de derechos de naturaleza pensional. Sin embargo, en determinados eventos el recurso de amparo procede \u00a0 con el puntual fin de salvaguardar bienes iusfundamentales cuya protecci\u00f3n \u00a0 resulta impostergable, siempre y cuando los medios ordinarios ...<br \/><div class=\"pt-cv-rmwrap\"><a href=\"https:\/\/www.dmsjuridica.com\/buscador_20179478954\/corteconstitucionalcronologico202454587\/t-166-13\/\" class=\"_self pt-cv-readmore btn btn-success\" target=\"_self\">Ver Sentencia Completa...<\/a><\/div><\/div><\/div><\/div>\n<div class=\"col-md-12 col-sm-12 col-xs-12 pt-cv-content-item pt-cv-1-col\" ><div class='pt-cv-ifield'><a href=\"https:\/\/www.dmsjuridica.com\/buscador_20179478954\/corteconstitucionalcronologico202454587\/t-165-13\/\" class=\"_self pt-cv-href-thumbnail pt-cv-thumb-default\" target=\"_self\" ><\/a>\n<div class=\"pt-cv-taxoterm above_title\"><a href='https:\/\/www.dmsjuridica.com\/buscador_20179478954\/corteconstitucionalcronologico202454587\/category\/buscar-en-toda-la-corte\/2013\/tutelas-2013\/' title='Tutelas 2013' class='pt-cv-tax-tutelas-2013'>Tutelas 2013<\/a><\/div>\n<h4 class=\"pt-cv-title\"><a href=\"https:\/\/www.dmsjuridica.com\/buscador_20179478954\/corteconstitucionalcronologico202454587\/t-165-13\/\" class=\"_self\" target=\"_self\" >T-165-13<\/a><\/h4>\n<div class=\"pt-cv-content\">\u00a0 \u00a0 \u00a0 \u00a0 \u00a0 \u00a0T-165-13 \u00a0 \u00a0 \u00a0 \u00a0 \u00a0 \u00a0\u00a0 Sentencia T-165\/13 \u00a0 \u00a0 DERECHO A LA SALUD-Acceso a servicios de salud debe ser oportuno, \u00a0 eficiente y con calidad \u00a0 \u00a0 Las personas tienen derecho a acceder a los servicios \u00a0 de salud que requieran. Por esta raz\u00f3n, ha dicho que una entidad viola el \u00a0 derecho a la salud en cualquiera de los reg\u00edmenes previstos en la Ley 100 de \u00a0 1993, si se constata que ha negado la autorizaci\u00f3n de un servicio incluido en el \u00a0 plan obligatorio, o un servicio excluido de \u00e9l. En ...<br \/><div class=\"pt-cv-rmwrap\"><a href=\"https:\/\/www.dmsjuridica.com\/buscador_20179478954\/corteconstitucionalcronologico202454587\/t-165-13\/\" class=\"_self pt-cv-readmore btn btn-success\" target=\"_self\">Ver Sentencia Completa...<\/a><\/div><\/div><\/div><\/div>\n<div class=\"col-md-12 col-sm-12 col-xs-12 pt-cv-content-item pt-cv-1-col\" ><div class='pt-cv-ifield'><a href=\"https:\/\/www.dmsjuridica.com\/buscador_20179478954\/corteconstitucionalcronologico202454587\/t-164-13\/\" class=\"_self pt-cv-href-thumbnail pt-cv-thumb-default\" target=\"_self\" ><\/a>\n<div class=\"pt-cv-taxoterm above_title\"><a href='https:\/\/www.dmsjuridica.com\/buscador_20179478954\/corteconstitucionalcronologico202454587\/category\/buscar-en-toda-la-corte\/2013\/tutelas-2013\/' title='Tutelas 2013' class='pt-cv-tax-tutelas-2013'>Tutelas 2013<\/a><\/div>\n<h4 class=\"pt-cv-title\"><a href=\"https:\/\/www.dmsjuridica.com\/buscador_20179478954\/corteconstitucionalcronologico202454587\/t-164-13\/\" class=\"_self\" target=\"_self\" >T-164-13<\/a><\/h4>\n<div class=\"pt-cv-content\">\u00a0 \u00a0 \u00a0 \u00a0 \u00a0 \u00a0T-164-13 \u00a0 \u00a0 \u00a0 \u00a0 \u00a0 \u00a0\u00a0 Sentencia \u00a0 T-164\/13 \u00a0 \u00a0 ACCION DE TUTELA CONTRA PROVIDENCIAS JUDICIALES-Reiteraci\u00f3n de jurisprudencia \u00a0 sobre procedencia excepcional \u00a0 \u00a0 ACCION DE TUTELA CONTRA PROVIDENCIAS JUDICIALES-Requisitos generales y especiales \u00a0 de procedibilidad \u00a0 \u00a0 DEFECTO FACTICO EN LA JURISPRUDENCIA CONSTITUCIONAL-Reiteraci\u00f3n de jurisprudencia \u00a0 \u00a0 DEFECTO FACTICO-Dimensi\u00f3n \u00a0 negativa y positiva \u00a0 \u00a0 DERECHO FUNDAMENTAL A LA SEGURIDAD SOCIAL-Reiteraci\u00f3n de jurisprudencia \u00a0 \u00a0 La Seguridad Social es reconocida en \u00a0 nuestro ordenamiento jur\u00eddico como un derecho constitucional fundamental. De \u00a0 esta manera, los art\u00edculos 48 y 49 de la Carta ...<br \/><div class=\"pt-cv-rmwrap\"><a href=\"https:\/\/www.dmsjuridica.com\/buscador_20179478954\/corteconstitucionalcronologico202454587\/t-164-13\/\" class=\"_self pt-cv-readmore btn btn-success\" target=\"_self\">Ver Sentencia Completa...<\/a><\/div><\/div><\/div><\/div>\n<div class=\"col-md-12 col-sm-12 col-xs-12 pt-cv-content-item pt-cv-1-col\" ><div class='pt-cv-ifield'><a href=\"https:\/\/www.dmsjuridica.com\/buscador_20179478954\/corteconstitucionalcronologico202454587\/t-163-13\/\" class=\"_self pt-cv-href-thumbnail pt-cv-thumb-default\" target=\"_self\" ><\/a>\n<div class=\"pt-cv-taxoterm above_title\"><a href='https:\/\/www.dmsjuridica.com\/buscador_20179478954\/corteconstitucionalcronologico202454587\/category\/buscar-en-toda-la-corte\/2013\/tutelas-2013\/' title='Tutelas 2013' class='pt-cv-tax-tutelas-2013'>Tutelas 2013<\/a><\/div>\n<h4 class=\"pt-cv-title\"><a href=\"https:\/\/www.dmsjuridica.com\/buscador_20179478954\/corteconstitucionalcronologico202454587\/t-163-13\/\" class=\"_self\" target=\"_self\" >T-163-13<\/a><\/h4>\n<div class=\"pt-cv-content\">\u00a0 \u00a0 \u00a0 \u00a0 \u00a0 \u00a0T-163-13 \u00a0 \u00a0 \u00a0 \u00a0 \u00a0 \u00a0\u00a0 Sentencia T-163\/13 \u00a0 \u00a0 DERECHO A LA VIVIENDA DIGNA-Fundamental aut\u00f3nomo \u00a0 \u00a0 (i) en un principio el derecho a la vivienda digna no \u00a0 era considerado fundamental por su contenido principalmente prestacional, (ii) \u00a0 para adquirir\u00a0 el rango de fundamental, deb\u00eda estar en conexidad con un \u00a0 derecho fundamental, como por ejemplo la vida o el m\u00ednimo vital y,\u00a0 (iii) \u00a0 en la actualidad,\u00a0 esta Corte\u00a0 ha afirmado que el derecho a la \u00a0 vivienda digna es un derecho fundamental aut\u00f3nomo, y lo\u00a0 determinante es su \u00a0 traducci\u00f3n ...<br \/><div class=\"pt-cv-rmwrap\"><a href=\"https:\/\/www.dmsjuridica.com\/buscador_20179478954\/corteconstitucionalcronologico202454587\/t-163-13\/\" class=\"_self pt-cv-readmore btn btn-success\" target=\"_self\">Ver Sentencia Completa...<\/a><\/div><\/div><\/div><\/div>\n<div class=\"col-md-12 col-sm-12 col-xs-12 pt-cv-content-item pt-cv-1-col\" ><div class='pt-cv-ifield'><a href=\"https:\/\/www.dmsjuridica.com\/buscador_20179478954\/corteconstitucionalcronologico202454587\/t-162-13\/\" class=\"_self pt-cv-href-thumbnail pt-cv-thumb-default\" target=\"_self\" ><\/a>\n<div class=\"pt-cv-taxoterm above_title\"><a href='https:\/\/www.dmsjuridica.com\/buscador_20179478954\/corteconstitucionalcronologico202454587\/category\/buscar-en-toda-la-corte\/2013\/tutelas-2013\/' title='Tutelas 2013' class='pt-cv-tax-tutelas-2013'>Tutelas 2013<\/a><\/div>\n<h4 class=\"pt-cv-title\"><a href=\"https:\/\/www.dmsjuridica.com\/buscador_20179478954\/corteconstitucionalcronologico202454587\/t-162-13\/\" class=\"_self\" target=\"_self\" >T-162-13<\/a><\/h4>\n<div class=\"pt-cv-content\">\u00a0 \u00a0 \u00a0 \u00a0 \u00a0 \u00a0T-162-13 \u00a0 \u00a0 \u00a0 \u00a0 \u00a0 \u00a0\u00a0 CEDULA DE CIUDADANIA-Importancia y funciones que cumple \u00a0 \u00a0 Constitucional y legalmente, la c\u00e9dula de ciudadan\u00eda tiene tres funciones \u00a0 diferentes: (i) identificar a las personas, (ii) permitir el ejercicio de sus \u00a0 derechos civiles y (iii) asegurar la participaci\u00f3n de los ciudadanos en la \u00a0 actividad pol\u00edtica que propicia y estimula la democracia. Jur\u00eddicamente, la \u00a0 identificaci\u00f3n es aquella manera de establecer la individualidad de una persona \u00a0 de acuerdo a las previsiones normativas; la c\u00e9dula de ciudadan\u00eda es una de las \u00a0 pruebas de dicha identificaci\u00f3n, ...<br \/><div class=\"pt-cv-rmwrap\"><a href=\"https:\/\/www.dmsjuridica.com\/buscador_20179478954\/corteconstitucionalcronologico202454587\/t-162-13\/\" class=\"_self pt-cv-readmore btn btn-success\" target=\"_self\">Ver Sentencia Completa...<\/a><\/div><\/div><\/div><\/div>\n<div class=\"col-md-12 col-sm-12 col-xs-12 pt-cv-content-item pt-cv-1-col\" ><div class='pt-cv-ifield'><a href=\"https:\/\/www.dmsjuridica.com\/buscador_20179478954\/corteconstitucionalcronologico202454587\/t-161-13\/\" class=\"_self pt-cv-href-thumbnail pt-cv-thumb-default\" target=\"_self\" ><\/a>\n<div class=\"pt-cv-taxoterm above_title\"><a href='https:\/\/www.dmsjuridica.com\/buscador_20179478954\/corteconstitucionalcronologico202454587\/category\/buscar-en-toda-la-corte\/2013\/tutelas-2013\/' title='Tutelas 2013' class='pt-cv-tax-tutelas-2013'>Tutelas 2013<\/a><\/div>\n<h4 class=\"pt-cv-title\"><a href=\"https:\/\/www.dmsjuridica.com\/buscador_20179478954\/corteconstitucionalcronologico202454587\/t-161-13\/\" class=\"_self\" target=\"_self\" >T-161-13<\/a><\/h4>\n<div class=\"pt-cv-content\">\u00a0 \u00a0 \u00a0 \u00a0 \u00a0 \u00a0T-161-13 \u00a0 \u00a0 \u00a0 \u00a0 \u00a0 \u00a0\u00a0 Sentencia T-161\/13 \u00a0 \u00a0 DERECHO A LA SALUD COMO DERECHO \u00a0 FUNDAMENTAL AUTONOMO-Reiteraci\u00f3n de \u00a0 jurisprudencia \u00a0 \u00a0 Al definirse los contenidos precisos del derecho a la \u00a0 salud, se genera un derecho subjetivo a favor de los beneficiarios del sistema \u00a0 de salud. Por lo tanto, cuando las entidades prestadoras de los servicios de \u00a0 salud, se niegan a suministrar tratamientos, medicamentos o procedimientos \u00a0 incluidos en el POS o POS-S, vulneran el derecho a la salud, el cual como se ha \u00a0 reiterado adquiere la condici\u00f3n ...<br \/><div class=\"pt-cv-rmwrap\"><a href=\"https:\/\/www.dmsjuridica.com\/buscador_20179478954\/corteconstitucionalcronologico202454587\/t-161-13\/\" class=\"_self pt-cv-readmore btn btn-success\" target=\"_self\">Ver Sentencia Completa...<\/a><\/div><\/div><\/div><\/div>\n<div class=\"col-md-12 col-sm-12 col-xs-12 pt-cv-content-item pt-cv-1-col\" ><div class='pt-cv-ifield'><a href=\"https:\/\/www.dmsjuridica.com\/buscador_20179478954\/corteconstitucionalcronologico202454587\/t-160-13\/\" class=\"_self pt-cv-href-thumbnail pt-cv-thumb-default\" target=\"_self\" ><\/a>\n<div class=\"pt-cv-taxoterm above_title\"><a href='https:\/\/www.dmsjuridica.com\/buscador_20179478954\/corteconstitucionalcronologico202454587\/category\/buscar-en-toda-la-corte\/2013\/tutelas-2013\/' title='Tutelas 2013' class='pt-cv-tax-tutelas-2013'>Tutelas 2013<\/a><\/div>\n<h4 class=\"pt-cv-title\"><a href=\"https:\/\/www.dmsjuridica.com\/buscador_20179478954\/corteconstitucionalcronologico202454587\/t-160-13\/\" class=\"_self\" target=\"_self\" >T-160-13<\/a><\/h4>\n<div class=\"pt-cv-content\">\u00a0 \u00a0 \u00a0 \u00a0 \u00a0 \u00a0T-160-13 \u00a0 \u00a0 \u00a0 \u00a0 \u00a0 \u00a0\u00a0 Sentencia T-160\/13 \u00a0 \u00a0\u00a0 ACCION DE TUTELA CONTRA PROVIDENCIAS \u00a0 JUDICIALES-Reiteraci\u00f3n de \u00a0 jurisprudencia sobre requisitos generales y especiales de procedibilidad \u00a0 \u00a0 La jurisprudencia constitucional ha sido minuciosa en \u00a0 el examen de los requisitos generales y especiales, en aras de proteger y \u00a0 garantizar los derechos fundamentales y de respetar los principios \u00a0 constitucionales de autonom\u00eda e independencia judicial. \u00a0 \u00a0 CARACTERIZACION DEL DEFECTO FACTICO COMO \u00a0 CAUSAL ESPECIFICA DE PROCEDIBILIDAD DE LA ACCION DE TUTELA CONTRA PROVIDENCIAS \u00a0 JUDICIALES\/DEFECTO FACTICO-Dimensi\u00f3n \u00a0 negativa y positiva \u00a0 ...<br \/><div class=\"pt-cv-rmwrap\"><a href=\"https:\/\/www.dmsjuridica.com\/buscador_20179478954\/corteconstitucionalcronologico202454587\/t-160-13\/\" class=\"_self pt-cv-readmore btn btn-success\" target=\"_self\">Ver Sentencia Completa...<\/a><\/div><\/div><\/div><\/div>\n<div class=\"col-md-12 col-sm-12 col-xs-12 pt-cv-content-item pt-cv-1-col\" ><div class='pt-cv-ifield'><a href=\"https:\/\/www.dmsjuridica.com\/buscador_20179478954\/corteconstitucionalcronologico202454587\/t-159-13\/\" class=\"_self pt-cv-href-thumbnail pt-cv-thumb-default\" target=\"_self\" ><\/a>\n<div class=\"pt-cv-taxoterm above_title\"><a href='https:\/\/www.dmsjuridica.com\/buscador_20179478954\/corteconstitucionalcronologico202454587\/category\/buscar-en-toda-la-corte\/2013\/tutelas-2013\/' title='Tutelas 2013' class='pt-cv-tax-tutelas-2013'>Tutelas 2013<\/a><\/div>\n<h4 class=\"pt-cv-title\"><a href=\"https:\/\/www.dmsjuridica.com\/buscador_20179478954\/corteconstitucionalcronologico202454587\/t-159-13\/\" class=\"_self\" target=\"_self\" >T-159-13<\/a><\/h4>\n<div class=\"pt-cv-content\">Sentencia T-159\/13 \u00a0 \u00a0\u00a0 ACCION DE \u00a0 TUTELA CONTRA PROVIDENCIAS JUDICIALES-Requisitos generales y especiales de \u00a0 procedibilidad \u00a0 \u00a0 ACCION DE TUTELA CONTRA PROVIDENCIAS \u00a0 JUDICIALES-Procedencia por cuanto resulta \u00a0 desproporcionado exigir agotar recurso extraordinario de casaci\u00f3n en proceso \u00a0 laboral, a la accionante quien carece de recursos econ\u00f3micos \u00a0 \u00a0 En el caso \u00a0 concreto, considerar improcedente la presente acci\u00f3n de tutela por no haber \u00a0 promovido la actora el recurso extraordinario de casaci\u00f3n resulta a todas luces \u00a0 desproporcionado, teniendo en cuenta las circunstancias personales y econ\u00f3micas \u00a0 de la accionante. El recurso extraordinario de casaci\u00f3n es un ...<br \/><div class=\"pt-cv-rmwrap\"><a href=\"https:\/\/www.dmsjuridica.com\/buscador_20179478954\/corteconstitucionalcronologico202454587\/t-159-13\/\" class=\"_self pt-cv-readmore btn btn-success\" target=\"_self\">Ver Sentencia Completa...<\/a><\/div><\/div><\/div><\/div>\n<div class=\"col-md-12 col-sm-12 col-xs-12 pt-cv-content-item pt-cv-1-col\" ><div class='pt-cv-ifield'><a href=\"https:\/\/www.dmsjuridica.com\/buscador_20179478954\/corteconstitucionalcronologico202454587\/t-154-13\/\" class=\"_self pt-cv-href-thumbnail pt-cv-thumb-default\" target=\"_self\" ><\/a>\n<div class=\"pt-cv-taxoterm above_title\"><a href='https:\/\/www.dmsjuridica.com\/buscador_20179478954\/corteconstitucionalcronologico202454587\/category\/buscar-en-toda-la-corte\/2013\/tutelas-2013\/' title='Tutelas 2013' class='pt-cv-tax-tutelas-2013'>Tutelas 2013<\/a><\/div>\n<h4 class=\"pt-cv-title\"><a href=\"https:\/\/www.dmsjuridica.com\/buscador_20179478954\/corteconstitucionalcronologico202454587\/t-154-13\/\" class=\"_self\" target=\"_self\" >T-154-13<\/a><\/h4>\n<div class=\"pt-cv-content\">\u00a0 \u00a0 \u00a0 \u00a0 \u00a0 \u00a0T-154-13 \u00a0 \u00a0 \u00a0 \u00a0 \u00a0 \u00a0\u00a0 Sentencia T-154\/13 \u00a0 \u00a0 ACCION DE \u00a0 TUTELA PARA LA PROTECCION DE DERECHOS COLECTIVOS-Procedencia excepcional \u00a0 \u00a0 ACCION DE \u00a0 TUTELA-Criterios para determinar su procedencia cuando se afectan derechos \u00a0 colectivos \u00a0 \u00a0 DERECHO AL \u00a0 AMBIENTE SANO-Relaci\u00f3n con derechos a la salud y a la vida \u00a0 \u00a0 PRESERVACION \u00a0 DEL MEDIO AMBIENTE SANO-Objetivo de principio y punto de partida de una \u00a0 pol\u00edtica universal a trav\u00e9s de la cual se busca lograr un desarrollo sostenible \u00a0 \u00a0 La conservaci\u00f3n del ambiente no \u00a0 solo es considerada ...<br \/><div class=\"pt-cv-rmwrap\"><a href=\"https:\/\/www.dmsjuridica.com\/buscador_20179478954\/corteconstitucionalcronologico202454587\/t-154-13\/\" class=\"_self pt-cv-readmore btn btn-success\" target=\"_self\">Ver Sentencia Completa...<\/a><\/div><\/div><\/div><\/div>\n<div class=\"col-md-12 col-sm-12 col-xs-12 pt-cv-content-item pt-cv-1-col\" ><div class='pt-cv-ifield'><a href=\"https:\/\/www.dmsjuridica.com\/buscador_20179478954\/corteconstitucionalcronologico202454587\/t-153-13\/\" class=\"_self pt-cv-href-thumbnail pt-cv-thumb-default\" target=\"_self\" ><\/a>\n<div class=\"pt-cv-taxoterm above_title\"><a href='https:\/\/www.dmsjuridica.com\/buscador_20179478954\/corteconstitucionalcronologico202454587\/category\/buscar-en-toda-la-corte\/2013\/tutelas-2013\/' title='Tutelas 2013' class='pt-cv-tax-tutelas-2013'>Tutelas 2013<\/a><\/div>\n<h4 class=\"pt-cv-title\"><a href=\"https:\/\/www.dmsjuridica.com\/buscador_20179478954\/corteconstitucionalcronologico202454587\/t-153-13\/\" class=\"_self\" target=\"_self\" >T-153-13<\/a><\/h4>\n<div class=\"pt-cv-content\">\u00a0 \u00a0 \u00a0 \u00a0 \u00a0 \u00a0T-153-13 \u00a0 \u00a0 \u00a0 \u00a0 \u00a0 \u00a0\u00a0 Sentencia T-153\/13 \u00a0 \u00a0 DERECHO A LA EDUCACION Y A SU GOCE EFECTIVO-Reiteraci\u00f3n de jurisprudencia \u00a0 \u00a0 DERECHO A LA EDUCACION-Caracter\u00edsticas \u00a0 \u00a0 La Corte Constitucional en su \u00a0 jurisprudencia ha sostenido que el derecho a la educaci\u00f3n comporta \u00a0 las siguientes caracter\u00edsticas:\u00a0 (i) es objeto de protecci\u00f3n especial del \u00a0 Estado; (ii) es presupuesto b\u00e1sico de la efectividad de otros derechos \u00a0 fundamentales, tales como la escogencia de una profesi\u00f3n u oficio, la igualdad \u00a0 de oportunidades en materia educativa y de realizaci\u00f3n personal y el libre ...<br \/><div class=\"pt-cv-rmwrap\"><a href=\"https:\/\/www.dmsjuridica.com\/buscador_20179478954\/corteconstitucionalcronologico202454587\/t-153-13\/\" class=\"_self pt-cv-readmore btn btn-success\" target=\"_self\">Ver Sentencia Completa...<\/a><\/div><\/div><\/div><\/div>\n<div class=\"col-md-12 col-sm-12 col-xs-12 pt-cv-content-item pt-cv-1-col\" ><div class='pt-cv-ifield'><a href=\"https:\/\/www.dmsjuridica.com\/buscador_20179478954\/corteconstitucionalcronologico202454587\/t-152-13\/\" class=\"_self pt-cv-href-thumbnail pt-cv-thumb-default\" target=\"_self\" ><\/a>\n<div class=\"pt-cv-taxoterm above_title\"><a href='https:\/\/www.dmsjuridica.com\/buscador_20179478954\/corteconstitucionalcronologico202454587\/category\/buscar-en-toda-la-corte\/2013\/tutelas-2013\/' title='Tutelas 2013' class='pt-cv-tax-tutelas-2013'>Tutelas 2013<\/a><\/div>\n<h4 class=\"pt-cv-title\"><a href=\"https:\/\/www.dmsjuridica.com\/buscador_20179478954\/corteconstitucionalcronologico202454587\/t-152-13\/\" class=\"_self\" target=\"_self\" >T-152-13<\/a><\/h4>\n<div class=\"pt-cv-content\">Sentencia T-152\/13 \u00a0 \u00a0 ACCION DE TUTELA CONTRA PROVIDENCIAS JUDICIALES-Requisitos generales y especiales de procedibilidad \u00a0 \u00a0 DEFECTO ORGANICO-No se configura por existir competencia del funcionario judicial \u00a0 determinada por el recurso de apelaci\u00f3n y la adhesi\u00f3n en proceso de reparaci\u00f3n \u00a0 directa \u00a0 \u00a0 Encuentra la Sala que la interpretaci\u00f3n hecha por \u00a0 el Tribunal Administrativo, en el sentido de entender que contaba con la \u00a0 competencia para pronunciarse sobre cualquier aspecto de los contemplados en las \u00a0 pretensiones de la demanda, resulta razonable i) a la luz de las disposiciones \u00a0 procesales vigentes al momento de producirse dicho ...<br \/><div class=\"pt-cv-rmwrap\"><a href=\"https:\/\/www.dmsjuridica.com\/buscador_20179478954\/corteconstitucionalcronologico202454587\/t-152-13\/\" class=\"_self pt-cv-readmore btn btn-success\" target=\"_self\">Ver Sentencia Completa...<\/a><\/div><\/div><\/div><\/div>\n<div class=\"col-md-12 col-sm-12 col-xs-12 pt-cv-content-item pt-cv-1-col\" ><div class='pt-cv-ifield'><a href=\"https:\/\/www.dmsjuridica.com\/buscador_20179478954\/corteconstitucionalcronologico202454587\/t-151-13\/\" class=\"_self pt-cv-href-thumbnail pt-cv-thumb-default\" target=\"_self\" ><\/a>\n<div class=\"pt-cv-taxoterm above_title\"><a href='https:\/\/www.dmsjuridica.com\/buscador_20179478954\/corteconstitucionalcronologico202454587\/category\/buscar-en-toda-la-corte\/2013\/tutelas-2013\/' title='Tutelas 2013' class='pt-cv-tax-tutelas-2013'>Tutelas 2013<\/a><\/div>\n<h4 class=\"pt-cv-title\"><a href=\"https:\/\/www.dmsjuridica.com\/buscador_20179478954\/corteconstitucionalcronologico202454587\/t-151-13\/\" class=\"_self\" target=\"_self\" >T-151-13<\/a><\/h4>\n<div class=\"pt-cv-content\">\u00a0 \u00a0 \u00a0 \u00a0 \u00a0 \u00a0T-151-13 \u00a0 \u00a0 \u00a0 \u00a0 \u00a0 \u00a0\u00a0 Sentencia T-151\/13 \u00a0 \u00a0 RESPONSABILIDAD FISCAL-Naturaleza \u00a0 \u00a0 La materia del proceso de \u00a0 responsabilidad fiscal es determinar y establecer la responsabilidad de los \u00a0 servidores p\u00fablicos y de los particulares, cuando en el ejercicio de la gesti\u00f3n \u00a0 fiscal o con ocasi\u00f3n de \u00e9sta, causen por acci\u00f3n u omisi\u00f3n y en forma dolosa o \u00a0 culposa, un da\u00f1o al patrimonio del Estado. Se trata de un proceso de naturaleza \u00a0 administrativa, a cargo de la Contralor\u00eda General de la Rep\u00fablica y las \u00a0 contralor\u00edas, departamentales y municipales ...<br \/><div class=\"pt-cv-rmwrap\"><a href=\"https:\/\/www.dmsjuridica.com\/buscador_20179478954\/corteconstitucionalcronologico202454587\/t-151-13\/\" class=\"_self pt-cv-readmore btn btn-success\" target=\"_self\">Ver Sentencia Completa...<\/a><\/div><\/div><\/div><\/div>\n<div class=\"col-md-12 col-sm-12 col-xs-12 pt-cv-content-item pt-cv-1-col\" ><div class='pt-cv-ifield'><a href=\"https:\/\/www.dmsjuridica.com\/buscador_20179478954\/corteconstitucionalcronologico202454587\/t-150-13\/\" class=\"_self pt-cv-href-thumbnail pt-cv-thumb-default\" target=\"_self\" ><\/a>\n<div class=\"pt-cv-taxoterm above_title\"><a href='https:\/\/www.dmsjuridica.com\/buscador_20179478954\/corteconstitucionalcronologico202454587\/category\/buscar-en-toda-la-corte\/2013\/tutelas-2013\/' title='Tutelas 2013' class='pt-cv-tax-tutelas-2013'>Tutelas 2013<\/a><\/div>\n<h4 class=\"pt-cv-title\"><a href=\"https:\/\/www.dmsjuridica.com\/buscador_20179478954\/corteconstitucionalcronologico202454587\/t-150-13\/\" class=\"_self\" target=\"_self\" >T-150-13<\/a><\/h4>\n<div class=\"pt-cv-content\">\u00a0 \u00a0 \u00a0 \u00a0 \u00a0 \u00a0T-150-13 \u00a0 \u00a0 \u00a0 \u00a0 \u00a0 \u00a0\u00a0 Sentencia \u00a0 T-150\/13 \u00a0 \u00a0 La acci\u00f3n de tutela que busca \u00a0 resolver controversias frente a un dictamen de p\u00e9rdida de capacidad laboral, \u00a0 inicialmente, resulta improcedente. Sin embargo, esta Corporaci\u00f3n ha determinado \u00a0 que existen ciertos casos en los cuales la acci\u00f3n constitucional prospera sin \u00a0 aplicar de manera estricta el principio de subsidiaridad. Los casos a los cuales \u00a0 se refiere corresponden a: (i) las situaciones en las cuales se evidencia el \u00a0 riesgo de un perjuicio irremediable o (ii) que el mecanismo existente, en este ...<br \/><div class=\"pt-cv-rmwrap\"><a href=\"https:\/\/www.dmsjuridica.com\/buscador_20179478954\/corteconstitucionalcronologico202454587\/t-150-13\/\" class=\"_self pt-cv-readmore btn btn-success\" target=\"_self\">Ver Sentencia Completa...<\/a><\/div><\/div><\/div><\/div>\n<div class=\"col-md-12 col-sm-12 col-xs-12 pt-cv-content-item pt-cv-1-col\" ><div class='pt-cv-ifield'><a href=\"https:\/\/www.dmsjuridica.com\/buscador_20179478954\/corteconstitucionalcronologico202454587\/t-149-13\/\" class=\"_self pt-cv-href-thumbnail pt-cv-thumb-default\" target=\"_self\" ><\/a>\n<div class=\"pt-cv-taxoterm above_title\"><a href='https:\/\/www.dmsjuridica.com\/buscador_20179478954\/corteconstitucionalcronologico202454587\/category\/buscar-en-toda-la-corte\/2013\/tutelas-2013\/' title='Tutelas 2013' class='pt-cv-tax-tutelas-2013'>Tutelas 2013<\/a><\/div>\n<h4 class=\"pt-cv-title\"><a href=\"https:\/\/www.dmsjuridica.com\/buscador_20179478954\/corteconstitucionalcronologico202454587\/t-149-13\/\" class=\"_self\" target=\"_self\" >T-149-13<\/a><\/h4>\n<div class=\"pt-cv-content\">\u00a0 \u00a0 \u00a0 \u00a0 \u00a0 \u00a0T-149-13 \u00a0 \u00a0 \u00a0 \u00a0 \u00a0 \u00a0\u00a0 Sentencia T-149\/13 \u00a0 \u00a0 DERECHO DE PETICION-Procedencia de la acci\u00f3n de tutela \u00a0 \u00a0 De acuerdo con el Art\u00edculo \u00a0 86 de la Constituci\u00f3n Pol\u00edtica, toda persona podr\u00e1 acudir a la acci\u00f3n de tutela \u00a0 para reclamar la protecci\u00f3n a sus derechos constitucionales fundamentales, y \u00a0 proceder\u00e1 contra toda acci\u00f3n u omisi\u00f3n de la autoridades p\u00fablicas, o \u00a0 particulares seg\u00fan se trate, siempre que \u201cel afectado no disponga de otro medio \u00a0 de defensa judicial, salvo que aqu\u00e9lla se utilice como mecanismo transitorio \u00a0 para evitar un perjuicio ...<br \/><div class=\"pt-cv-rmwrap\"><a href=\"https:\/\/www.dmsjuridica.com\/buscador_20179478954\/corteconstitucionalcronologico202454587\/t-149-13\/\" class=\"_self pt-cv-readmore btn btn-success\" target=\"_self\">Ver Sentencia Completa...<\/a><\/div><\/div><\/div><\/div>\n<div class=\"col-md-12 col-sm-12 col-xs-12 pt-cv-content-item pt-cv-1-col\" ><div class='pt-cv-ifield'><a href=\"https:\/\/www.dmsjuridica.com\/buscador_20179478954\/corteconstitucionalcronologico202454587\/t-148-13\/\" class=\"_self pt-cv-href-thumbnail pt-cv-thumb-default\" target=\"_self\" ><\/a>\n<div class=\"pt-cv-taxoterm above_title\"><a href='https:\/\/www.dmsjuridica.com\/buscador_20179478954\/corteconstitucionalcronologico202454587\/category\/buscar-en-toda-la-corte\/2013\/tutelas-2013\/' title='Tutelas 2013' class='pt-cv-tax-tutelas-2013'>Tutelas 2013<\/a><\/div>\n<h4 class=\"pt-cv-title\"><a href=\"https:\/\/www.dmsjuridica.com\/buscador_20179478954\/corteconstitucionalcronologico202454587\/t-148-13\/\" class=\"_self\" target=\"_self\" >T-148-13<\/a><\/h4>\n<div class=\"pt-cv-content\">\u00a0 \u00a0 \u00a0 \u00a0 \u00a0 \u00a0T-148-13 \u00a0 \u00a0 \u00a0 \u00a0 \u00a0 \u00a0\u00a0 Sentencia T-148\/13 \u00a0 \u00a0 ACCION DE TUTELA CONTRA PROVIDENCIAS JUDICIALES EN PROCESO LABORAL DE FUERO \u00a0 SINDICAL-Requisitos generales y especiales de procedibilidad \u00a0 \u00a0 DEFECTO SUSTANTIVO EN LA JURISPRUDENCIA CONSTITUCIONAL \u00a0 \u00a0 Pese a la autonom\u00eda de los jueces para elegir las normas jur\u00eddicas pertinentes \u00a0 al caso en concreto, para determinar su forma de aplicaci\u00f3n, y para establecer \u00a0 la manera de interpretar e integrar el ordenamiento jur\u00eddico, no les es dable en \u00a0 esta labor, apartarse de las disposiciones consagradas en la Constituci\u00f3n o la \u00a0 ...<br \/><div class=\"pt-cv-rmwrap\"><a href=\"https:\/\/www.dmsjuridica.com\/buscador_20179478954\/corteconstitucionalcronologico202454587\/t-148-13\/\" class=\"_self pt-cv-readmore btn btn-success\" target=\"_self\">Ver Sentencia Completa...<\/a><\/div><\/div><\/div><\/div>\n<div class=\"col-md-12 col-sm-12 col-xs-12 pt-cv-content-item pt-cv-1-col\" ><div class='pt-cv-ifield'><a href=\"https:\/\/www.dmsjuridica.com\/buscador_20179478954\/corteconstitucionalcronologico202454587\/t-147-13\/\" class=\"_self pt-cv-href-thumbnail pt-cv-thumb-default\" target=\"_self\" ><\/a>\n<div class=\"pt-cv-taxoterm above_title\"><a href='https:\/\/www.dmsjuridica.com\/buscador_20179478954\/corteconstitucionalcronologico202454587\/category\/buscar-en-toda-la-corte\/2013\/tutelas-2013\/' title='Tutelas 2013' class='pt-cv-tax-tutelas-2013'>Tutelas 2013<\/a><\/div>\n<h4 class=\"pt-cv-title\"><a href=\"https:\/\/www.dmsjuridica.com\/buscador_20179478954\/corteconstitucionalcronologico202454587\/t-147-13\/\" class=\"_self\" target=\"_self\" >T-147-13<\/a><\/h4>\n<div class=\"pt-cv-content\">\u00a0 \u00a0 \u00a0 \u00a0 \u00a0 \u00a0T-147-13 \u00a0 \u00a0 \u00a0 \u00a0 \u00a0 \u00a0\u00a0 Sentencia T-147\/13 \u00a0 \u00a0 FUNCIONARIOS PUBLICOS NOMBRADOS EN PROVISIONALIDAD EN \u00a0 CARGOS DE CARRERA ADMINISTRATIVA-Naturaleza \u00a0 jur\u00eddica\/CARGO DE CARRERA EN PROVISIONALIDAD Y CARGO DE LIBRE NOMBRAMIENTO Y \u00a0 REMOCION-Diferencias \u00a0 \u00a0 La vinculaci\u00f3n en calidad de \u00a0 provisional constituye un modo de proveer cargos p\u00fablicos \u201ccuando se presentan \u00a0 vacancias definitivas o temporales y mientras \u00e9stos se proveen en propiedad \u00a0 conforme a las formalidades de ley o cesa la situaci\u00f3n administrativa que \u00a0 origin\u00f3 la vacancia temporal\u201d. Los cargos provisionales, como su nombre lo \u00a0 indica, son ...<br \/><div class=\"pt-cv-rmwrap\"><a href=\"https:\/\/www.dmsjuridica.com\/buscador_20179478954\/corteconstitucionalcronologico202454587\/t-147-13\/\" class=\"_self pt-cv-readmore btn btn-success\" target=\"_self\">Ver Sentencia Completa...<\/a><\/div><\/div><\/div><\/div>\n<div class=\"col-md-12 col-sm-12 col-xs-12 pt-cv-content-item pt-cv-1-col\" ><div class='pt-cv-ifield'><a href=\"https:\/\/www.dmsjuridica.com\/buscador_20179478954\/corteconstitucionalcronologico202454587\/t-146-13\/\" class=\"_self pt-cv-href-thumbnail pt-cv-thumb-default\" target=\"_self\" ><\/a>\n<div class=\"pt-cv-taxoterm above_title\"><a href='https:\/\/www.dmsjuridica.com\/buscador_20179478954\/corteconstitucionalcronologico202454587\/category\/buscar-en-toda-la-corte\/2013\/tutelas-2013\/' title='Tutelas 2013' class='pt-cv-tax-tutelas-2013'>Tutelas 2013<\/a><\/div>\n<h4 class=\"pt-cv-title\"><a href=\"https:\/\/www.dmsjuridica.com\/buscador_20179478954\/corteconstitucionalcronologico202454587\/t-146-13\/\" class=\"_self\" target=\"_self\" >T-146-13<\/a><\/h4>\n<div class=\"pt-cv-content\">\u00a0 \u00a0 \u00a0 \u00a0 \u00a0 \u00a0T-146-13 \u00a0 \u00a0 \u00a0 \u00a0 \u00a0 \u00a0\u00a0 ACCION DE TUTELA PARA RECONOCIMIENTO DE PENSION DE \u00a0 INVALIDEZ-Procedencia excepcional por \u00a0 afectaci\u00f3n al m\u00ednimo vital y vida digna de sujetos de especial protecci\u00f3n \u00a0 \u00a0 En el estudio de la procedibilidad del amparo tutelar \u00a0 frente a un sujeto de especial protecci\u00f3n, lo primordial es asegurar la eficacia \u00a0 de los derechos m\u00e1s inherentes al ser humano y del mismo modo determinar sin \u00a0 lugar a dudas que el peticionario en realidad cumple con el lleno de los \u00a0 requisitos para acceder a la pensi\u00f3n. Lo ...<br \/><div class=\"pt-cv-rmwrap\"><a href=\"https:\/\/www.dmsjuridica.com\/buscador_20179478954\/corteconstitucionalcronologico202454587\/t-146-13\/\" class=\"_self pt-cv-readmore btn btn-success\" target=\"_self\">Ver Sentencia Completa...<\/a><\/div><\/div><\/div><\/div>\n<div class=\"col-md-12 col-sm-12 col-xs-12 pt-cv-content-item pt-cv-1-col\" ><div class='pt-cv-ifield'><a href=\"https:\/\/www.dmsjuridica.com\/buscador_20179478954\/corteconstitucionalcronologico202454587\/t-145-13\/\" class=\"_self pt-cv-href-thumbnail pt-cv-thumb-default\" target=\"_self\" ><\/a>\n<div class=\"pt-cv-taxoterm above_title\"><a href='https:\/\/www.dmsjuridica.com\/buscador_20179478954\/corteconstitucionalcronologico202454587\/category\/buscar-en-toda-la-corte\/2013\/tutelas-2013\/' title='Tutelas 2013' class='pt-cv-tax-tutelas-2013'>Tutelas 2013<\/a><\/div>\n<h4 class=\"pt-cv-title\"><a href=\"https:\/\/www.dmsjuridica.com\/buscador_20179478954\/corteconstitucionalcronologico202454587\/t-145-13\/\" class=\"_self\" target=\"_self\" >T-145-13<\/a><\/h4>\n<div class=\"pt-cv-content\">\u00a0 \u00a0 \u00a0 \u00a0 \u00a0 \u00a0T-145-13 \u00a0 \u00a0 \u00a0 \u00a0 \u00a0 \u00a0\u00a0 Sentencia T-145\/13 \u00a0 \u00a0 ACCION DE TUTELA CONTRA \u00a0 PROVIDENCIAS JUDICIALES-Procedencia excepcional para la protecci\u00f3n de \u00a0 derechos fundamentales \u00a0 \u00a0 La jurisprudencia de la Corte Constitucional ha sido \u00a0 coherente al sostener que algunos actos judiciales, en determinadas condiciones, \u00a0 pueden ser cuestionados por v\u00eda de acci\u00f3n de tutela si violan derechos \u00a0 fundamentales. En cambio, debe anotarse que la magnitud del defecto judicial, \u00a0 que amerita una intervenci\u00f3n del juez de tutela para proteger derechos \u00a0 fundamentales violados por autoridades judiciales, no ha sido valorada durante ...<br \/><div class=\"pt-cv-rmwrap\"><a href=\"https:\/\/www.dmsjuridica.com\/buscador_20179478954\/corteconstitucionalcronologico202454587\/t-145-13\/\" class=\"_self pt-cv-readmore btn btn-success\" target=\"_self\">Ver Sentencia Completa...<\/a><\/div><\/div><\/div><\/div>\n<div class=\"col-md-12 col-sm-12 col-xs-12 pt-cv-content-item pt-cv-1-col\" ><div class='pt-cv-ifield'><a href=\"https:\/\/www.dmsjuridica.com\/buscador_20179478954\/corteconstitucionalcronologico202454587\/t-144-13\/\" class=\"_self pt-cv-href-thumbnail pt-cv-thumb-default\" target=\"_self\" ><\/a>\n<div class=\"pt-cv-taxoterm above_title\"><a href='https:\/\/www.dmsjuridica.com\/buscador_20179478954\/corteconstitucionalcronologico202454587\/category\/buscar-en-toda-la-corte\/2013\/tutelas-2013\/' title='Tutelas 2013' class='pt-cv-tax-tutelas-2013'>Tutelas 2013<\/a><\/div>\n<h4 class=\"pt-cv-title\"><a href=\"https:\/\/www.dmsjuridica.com\/buscador_20179478954\/corteconstitucionalcronologico202454587\/t-144-13\/\" class=\"_self\" target=\"_self\" >T-144-13<\/a><\/h4>\n<div class=\"pt-cv-content\">\u00a0 \u00a0 \u00a0 \u00a0 \u00a0 \u00a0T-144-13 \u00a0 \u00a0 \u00a0 \u00a0 \u00a0 \u00a0\u00a0 Sentencia \u00a0 T-144\/13 \u00a0 \u00a0 ACCION DE TUTELA \u00a0 PARA RECONOCIMIENTO DE PENSION DE SOBREVIVIENTES-Procedencia por \u00a0 cuanto se cumplen requisitos y para evitar perjuicio irremediable \u00a0 \u00a0 PENSION DE \u00a0 SOBREVIVIENTES-Vulneraci\u00f3n \u00a0 del derecho al habeas data debido a la falta de claridad en los datos de la \u00a0 historia laboral de su c\u00f3nyuge fallecido \u00a0 \u00a0 DERECHO AL HABEAS \u00a0 DATA-Vulneraci\u00f3n \u00a0 cuando se presentan inexactitudes en la historia laboral para solicitar pensi\u00f3n \u00a0 de sobrevivientes \u00a0 \u00a0 En caso de que la informaci\u00f3n de la ...<br \/><div class=\"pt-cv-rmwrap\"><a href=\"https:\/\/www.dmsjuridica.com\/buscador_20179478954\/corteconstitucionalcronologico202454587\/t-144-13\/\" class=\"_self pt-cv-readmore btn btn-success\" target=\"_self\">Ver Sentencia Completa...<\/a><\/div><\/div><\/div><\/div>\n<div class=\"col-md-12 col-sm-12 col-xs-12 pt-cv-content-item pt-cv-1-col\" ><div class='pt-cv-ifield'><a href=\"https:\/\/www.dmsjuridica.com\/buscador_20179478954\/corteconstitucionalcronologico202454587\/t-143-13\/\" class=\"_self pt-cv-href-thumbnail pt-cv-thumb-default\" target=\"_self\" ><\/a>\n<div class=\"pt-cv-taxoterm above_title\"><a href='https:\/\/www.dmsjuridica.com\/buscador_20179478954\/corteconstitucionalcronologico202454587\/category\/buscar-en-toda-la-corte\/2013\/tutelas-2013\/' title='Tutelas 2013' class='pt-cv-tax-tutelas-2013'>Tutelas 2013<\/a><\/div>\n<h4 class=\"pt-cv-title\"><a href=\"https:\/\/www.dmsjuridica.com\/buscador_20179478954\/corteconstitucionalcronologico202454587\/t-143-13\/\" class=\"_self\" target=\"_self\" >T-143-13<\/a><\/h4>\n<div class=\"pt-cv-content\">\u00a0 \u00a0 \u00a0 \u00a0 \u00a0 \u00a0T-143-13 \u00a0 \u00a0 \u00a0 \u00a0 \u00a0 \u00a0\u00a0 Sentencia T-143\/13 \u00a0 \u00a0 ACCION DE TUTELA PARA \u00a0 RECONOCIMIENTO DE PENSION DE INVALIDEZ-Procedencia excepcional por \u00a0 afectaci\u00f3n al m\u00ednimo vital y vida digna de sujetos de especial protecci\u00f3n \u00a0 \u00a0 Al contrastar los presupuestos establecidos por la \u00a0 jurisprudencia constitucional para habilitar la interposici\u00f3n de la acci\u00f3n de \u00a0 tutela en procesos relacionados con el reconocimiento y pago de la pensi\u00f3n de \u00a0 invalidez, con las particularidades del caso concreto, la Sala Primera de \u00a0 Revisi\u00f3n aprecia que el accionante acudi\u00f3 al mecanismo adecuado para tramitar \u00a0 ...<br \/><div class=\"pt-cv-rmwrap\"><a href=\"https:\/\/www.dmsjuridica.com\/buscador_20179478954\/corteconstitucionalcronologico202454587\/t-143-13\/\" class=\"_self pt-cv-readmore btn btn-success\" target=\"_self\">Ver Sentencia Completa...<\/a><\/div><\/div><\/div><\/div>\n<div class=\"col-md-12 col-sm-12 col-xs-12 pt-cv-content-item pt-cv-1-col\" ><div class='pt-cv-ifield'><a href=\"https:\/\/www.dmsjuridica.com\/buscador_20179478954\/corteconstitucionalcronologico202454587\/t-142-13\/\" class=\"_self pt-cv-href-thumbnail pt-cv-thumb-default\" target=\"_self\" ><\/a>\n<div class=\"pt-cv-taxoterm above_title\"><a href='https:\/\/www.dmsjuridica.com\/buscador_20179478954\/corteconstitucionalcronologico202454587\/category\/buscar-en-toda-la-corte\/2013\/tutelas-2013\/' title='Tutelas 2013' class='pt-cv-tax-tutelas-2013'>Tutelas 2013<\/a><\/div>\n<h4 class=\"pt-cv-title\"><a href=\"https:\/\/www.dmsjuridica.com\/buscador_20179478954\/corteconstitucionalcronologico202454587\/t-142-13\/\" class=\"_self\" target=\"_self\" >T-142-13<\/a><\/h4>\n<div class=\"pt-cv-content\">\u00a0 \u00a0 \u00a0 \u00a0 \u00a0 \u00a0T-142-13 \u00a0 \u00a0 \u00a0 \u00a0 \u00a0 \u00a0\u00a0 Sentencia T-142\/13 \u00a0 \u00a0 ACCION DE TUTELA PARA RECONOCIMIENTO DE \u00a0 PENSION DE INVALIDEZ A ENFERMO DE VIH\/SIDA-Procedencia excepcional frente a la existencia de otros medios de \u00a0 defensa judicial en caso de reclamaciones pensionales \u00a0 \u00a0 Por regla general la acci\u00f3n de tutela \u00a0 resulta improcedente para reclamar por v\u00eda judicial el reconocimiento o \u00a0 reliquidaci\u00f3n de derechos de naturaleza pensional. Sin embargo, en determinados eventos el recurso de amparo procede \u00a0 con el puntual fin de salvaguardar bienes iusfundamentales cuya protecci\u00f3n \u00a0 resulta impostergable, siempre y ...<br \/><div class=\"pt-cv-rmwrap\"><a href=\"https:\/\/www.dmsjuridica.com\/buscador_20179478954\/corteconstitucionalcronologico202454587\/t-142-13\/\" class=\"_self pt-cv-readmore btn btn-success\" target=\"_self\">Ver Sentencia Completa...<\/a><\/div><\/div><\/div><\/div>\n<div class=\"col-md-12 col-sm-12 col-xs-12 pt-cv-content-item pt-cv-1-col\" ><div class='pt-cv-ifield'><a href=\"https:\/\/www.dmsjuridica.com\/buscador_20179478954\/corteconstitucionalcronologico202454587\/t-141-13\/\" class=\"_self pt-cv-href-thumbnail pt-cv-thumb-default\" target=\"_self\" ><\/a>\n<div class=\"pt-cv-taxoterm above_title\"><a href='https:\/\/www.dmsjuridica.com\/buscador_20179478954\/corteconstitucionalcronologico202454587\/category\/buscar-en-toda-la-corte\/2013\/tutelas-2013\/' title='Tutelas 2013' class='pt-cv-tax-tutelas-2013'>Tutelas 2013<\/a><\/div>\n<h4 class=\"pt-cv-title\"><a href=\"https:\/\/www.dmsjuridica.com\/buscador_20179478954\/corteconstitucionalcronologico202454587\/t-141-13\/\" class=\"_self\" target=\"_self\" >T-141-13<\/a><\/h4>\n<div class=\"pt-cv-content\">\u00a0 \u00a0 \u00a0 \u00a0 \u00a0 \u00a0T-141-13 \u00a0 \u00a0 \u00a0 \u00a0 \u00a0 \u00a0\u00a0 Sentencia T-141\/13 \u00a0 \u00a0 JUICIO DE PROPORCIONALIDAD Y TEST DE IGUALDAD-Reiteraci\u00f3n de \u00a0 jurisprudencia \u00a0 \u00a0 Todas las personas son iguales \u00a0 ante la ley pero para que esta igualdad sea tambi\u00e9n material, las autoridades \u00a0 pueden utilizar medidas de acci\u00f3n positivas que beneficien a las personas que se \u00a0 encuentren en especiales condiciones de vulnerabilidad y de esta manera, lograr \u00a0 que lleguen al mismo punto de partida del resto de la sociedad. Adicionalmente, \u00a0 es posible que se admitan algunos tratos desiguales a personas que inicialmente ...<br \/><div class=\"pt-cv-rmwrap\"><a href=\"https:\/\/www.dmsjuridica.com\/buscador_20179478954\/corteconstitucionalcronologico202454587\/t-141-13\/\" class=\"_self pt-cv-readmore btn btn-success\" target=\"_self\">Ver Sentencia Completa...<\/a><\/div><\/div><\/div><\/div>\n<div class=\"col-md-12 col-sm-12 col-xs-12 pt-cv-content-item pt-cv-1-col\" ><div class='pt-cv-ifield'><a href=\"https:\/\/www.dmsjuridica.com\/buscador_20179478954\/corteconstitucionalcronologico202454587\/t-140-13\/\" class=\"_self pt-cv-href-thumbnail pt-cv-thumb-default\" target=\"_self\" ><\/a>\n<div class=\"pt-cv-taxoterm above_title\"><a href='https:\/\/www.dmsjuridica.com\/buscador_20179478954\/corteconstitucionalcronologico202454587\/category\/buscar-en-toda-la-corte\/2013\/tutelas-2013\/' title='Tutelas 2013' class='pt-cv-tax-tutelas-2013'>Tutelas 2013<\/a><\/div>\n<h4 class=\"pt-cv-title\"><a href=\"https:\/\/www.dmsjuridica.com\/buscador_20179478954\/corteconstitucionalcronologico202454587\/t-140-13\/\" class=\"_self\" target=\"_self\" >T-140-13<\/a><\/h4>\n<div class=\"pt-cv-content\">\u00a0 \u00a0 \u00a0 \u00a0 \u00a0 \u00a0T-140-13 \u00a0 \u00a0 \u00a0 \u00a0 \u00a0 \u00a0\u00a0 Sentencia T-140\/13 \u00a0 \u00a0 ACCION DE TUTELA PARA RECONOCIMIENTO DE \u00a0 PENSION DE SOBREVIVIENTES-Reglas \u00a0 jurisprudenciales para determinar la procedencia excepcional \u00a0 \u00a0 DERECHO A LA PENSION DE SOBREVIVIENTES Y \u00a0 A LA SUSTITUCION PENSIONAL-Naturaleza \u00a0 jur\u00eddica y funci\u00f3n \u00a0 \u00a0 PENSION DE SOBREVIVIENTES PARA HIJOS \u00a0 INVALIDOS-Reconocimiento\/PENSION DE \u00a0 SOBREVIVIENTES PARA HIJOS INVALIDOS-Requisitos \u00a0 \u00a0 DEPENDENCIA ECONOMICA-Reglas para determinarla \u00a0 \u00a0 i) Esta condici\u00f3n se presenta cuando una persona \u00a0 demuestra: a) haber dependido de forma completa o parcial del causante; o b) que \u00a0 a falta ...<br \/><div class=\"pt-cv-rmwrap\"><a href=\"https:\/\/www.dmsjuridica.com\/buscador_20179478954\/corteconstitucionalcronologico202454587\/t-140-13\/\" class=\"_self pt-cv-readmore btn btn-success\" target=\"_self\">Ver Sentencia Completa...<\/a><\/div><\/div><\/div><\/div>\n<div class=\"col-md-12 col-sm-12 col-xs-12 pt-cv-content-item pt-cv-1-col\" ><div class='pt-cv-ifield'><a href=\"https:\/\/www.dmsjuridica.com\/buscador_20179478954\/corteconstitucionalcronologico202454587\/t-139-13\/\" class=\"_self pt-cv-href-thumbnail pt-cv-thumb-default\" target=\"_self\" ><\/a>\n<div class=\"pt-cv-taxoterm above_title\"><a href='https:\/\/www.dmsjuridica.com\/buscador_20179478954\/corteconstitucionalcronologico202454587\/category\/buscar-en-toda-la-corte\/2013\/tutelas-2013\/' title='Tutelas 2013' class='pt-cv-tax-tutelas-2013'>Tutelas 2013<\/a><\/div>\n<h4 class=\"pt-cv-title\"><a href=\"https:\/\/www.dmsjuridica.com\/buscador_20179478954\/corteconstitucionalcronologico202454587\/t-139-13\/\" class=\"_self\" target=\"_self\" >T-139-13<\/a><\/h4>\n<div class=\"pt-cv-content\">\u00a0 \u00a0 \u00a0 \u00a0 \u00a0 \u00a0T-139-13 \u00a0 \u00a0 \u00a0 \u00a0 \u00a0 \u00a0\u00a0 Sentencia T-139\/13 \u00a0 \u00a0 DERECHO A LA EDUCACION DE NI\u00d1OS Y NI\u00d1AS \u00a0 EN SITUACION DE DISCAPACIDAD-Fundamental \u00a0 \u00a0 Dado que todos los ni\u00f1os y ni\u00f1as son \u00a0 titulares del derecho fundamental a la educaci\u00f3n, debe concluirse que tambi\u00e9n \u00a0 los ni\u00f1os y ni\u00f1as con discapacidades f\u00edsicas, cognitivas o de cualquier otro \u00a0 tipo, tienen derecho a la educaci\u00f3n. Esta afirmaci\u00f3n que es aparentemente obvia, \u00a0 tiene relevancia puesto que se recuerda que no hay razones constitucionalmente \u00a0 admisibles para considerar que los ni\u00f1os con discapacidad carecen del ...<br \/><div class=\"pt-cv-rmwrap\"><a href=\"https:\/\/www.dmsjuridica.com\/buscador_20179478954\/corteconstitucionalcronologico202454587\/t-139-13\/\" class=\"_self pt-cv-readmore btn btn-success\" target=\"_self\">Ver Sentencia Completa...<\/a><\/div><\/div><\/div><\/div>\n<div class=\"col-md-12 col-sm-12 col-xs-12 pt-cv-content-item pt-cv-1-col\" ><div class='pt-cv-ifield'><a href=\"https:\/\/www.dmsjuridica.com\/buscador_20179478954\/corteconstitucionalcronologico202454587\/t-138-13\/\" class=\"_self pt-cv-href-thumbnail pt-cv-thumb-default\" target=\"_self\" ><\/a>\n<div class=\"pt-cv-taxoterm above_title\"><a href='https:\/\/www.dmsjuridica.com\/buscador_20179478954\/corteconstitucionalcronologico202454587\/category\/buscar-en-toda-la-corte\/2013\/tutelas-2013\/' title='Tutelas 2013' class='pt-cv-tax-tutelas-2013'>Tutelas 2013<\/a><\/div>\n<h4 class=\"pt-cv-title\"><a href=\"https:\/\/www.dmsjuridica.com\/buscador_20179478954\/corteconstitucionalcronologico202454587\/t-138-13\/\" class=\"_self\" target=\"_self\" >T-138-13<\/a><\/h4>\n<div class=\"pt-cv-content\">\u00a0 \u00a0 \u00a0 \u00a0 \u00a0 \u00a0T-138-13 \u00a0 \u00a0 \u00a0 \u00a0 \u00a0 \u00a0\u00a0 Sentencia T-138\/13 \u00a0 \u00a0 El poder de polic\u00eda en general \u00a0 consiste en un conjunto de actividades que tienen por objeto la expedici\u00f3n de \u00a0 reglas generales y de medidas individuales necesarias para el mantenimiento del \u00a0 orden p\u00fablico. Es entonces, una espec\u00edfica forma de actividad que tiene l\u00edmites \u00a0 necesarios que se imponen a trav\u00e9s de la ley en aras de la convivencia social; \u00a0 ese orden p\u00fablico se manifiesta en la tranquilidad, en la seguridad y en la \u00a0 salubridad, y se encamina a evitar perjuicios ...<br \/><div class=\"pt-cv-rmwrap\"><a href=\"https:\/\/www.dmsjuridica.com\/buscador_20179478954\/corteconstitucionalcronologico202454587\/t-138-13\/\" class=\"_self pt-cv-readmore btn btn-success\" target=\"_self\">Ver Sentencia Completa...<\/a><\/div><\/div><\/div><\/div>\n<div class=\"col-md-12 col-sm-12 col-xs-12 pt-cv-content-item pt-cv-1-col\" ><div class='pt-cv-ifield'><a href=\"https:\/\/www.dmsjuridica.com\/buscador_20179478954\/corteconstitucionalcronologico202454587\/t-137-13\/\" class=\"_self pt-cv-href-thumbnail pt-cv-thumb-default\" target=\"_self\" ><\/a>\n<div class=\"pt-cv-taxoterm above_title\"><a href='https:\/\/www.dmsjuridica.com\/buscador_20179478954\/corteconstitucionalcronologico202454587\/category\/buscar-en-toda-la-corte\/2013\/tutelas-2013\/' title='Tutelas 2013' class='pt-cv-tax-tutelas-2013'>Tutelas 2013<\/a><\/div>\n<h4 class=\"pt-cv-title\"><a href=\"https:\/\/www.dmsjuridica.com\/buscador_20179478954\/corteconstitucionalcronologico202454587\/t-137-13\/\" class=\"_self\" target=\"_self\" >T-137-13<\/a><\/h4>\n<div class=\"pt-cv-content\">\u00a0 \u00a0 \u00a0 \u00a0 \u00a0 \u00a0T-137-13 \u00a0 \u00a0 \u00a0 \u00a0 \u00a0 \u00a0\u00a0 Sentencia \u00a0 T-137\/13 \u00a0 \u00a0 ACCION DE TUTELA CONTRA PROVIDENCIAS JUDICIALES-Evoluci\u00f3n \u00a0 jurisprudencial \u00a0 \u00a0 ACCION DE TUTELA CONTRA PROVIDENCIAS JUDICIALES-Requisitos \u00a0 generales y especiales de procedibilidad \u00a0 \u00a0 DEFECTO SUSTANTIVO COMO CAUSAL ESPECIFICA DE PROCEDIBILIDAD DE LA \u00a0 ACCION DE TUTELA CONTRA PROVIDENCIAS JUDICIALES-Reiteraci\u00f3n de \u00a0 jurisprudencia \u00a0 \u00a0 ERROR JUDICIAL-No puede ser corregido a costa de afectar derecho de \u00a0 defensa y contradicci\u00f3n de los sujetos procesales \u00a0 \u00a0 DERECHO DE \u00a0 DEFENSA Y CONTRADICCION-No puede ser vulnerado por error judicial en la \u00a0 contabilizaci\u00f3n de ...<br \/><div class=\"pt-cv-rmwrap\"><a href=\"https:\/\/www.dmsjuridica.com\/buscador_20179478954\/corteconstitucionalcronologico202454587\/t-137-13\/\" class=\"_self pt-cv-readmore btn btn-success\" target=\"_self\">Ver Sentencia Completa...<\/a><\/div><\/div><\/div><\/div>\n<div class=\"col-md-12 col-sm-12 col-xs-12 pt-cv-content-item pt-cv-1-col\" ><div class='pt-cv-ifield'><a href=\"https:\/\/www.dmsjuridica.com\/buscador_20179478954\/corteconstitucionalcronologico202454587\/t-136-13\/\" class=\"_self pt-cv-href-thumbnail pt-cv-thumb-default\" target=\"_self\" ><\/a>\n<div class=\"pt-cv-taxoterm above_title\"><a href='https:\/\/www.dmsjuridica.com\/buscador_20179478954\/corteconstitucionalcronologico202454587\/category\/buscar-en-toda-la-corte\/2013\/tutelas-2013\/' title='Tutelas 2013' class='pt-cv-tax-tutelas-2013'>Tutelas 2013<\/a><\/div>\n<h4 class=\"pt-cv-title\"><a href=\"https:\/\/www.dmsjuridica.com\/buscador_20179478954\/corteconstitucionalcronologico202454587\/t-136-13\/\" class=\"_self\" target=\"_self\" >T-136-13<\/a><\/h4>\n<div class=\"pt-cv-content\">\u00a0 \u00a0 \u00a0 \u00a0 \u00a0 \u00a0T-136-13 \u00a0 \u00a0 \u00a0 \u00a0 \u00a0 \u00a0\u00a0 Sentencia T-136\/13 \u00a0 \u00a0 CONSTITUCION \u00a0 POLITICA-Fuerza irradiadora en las relaciones contractuales \u00a0 \u00a0 ACCION DE \u00a0 TUTELA FRENTE A CONTRATO DE SEGUROS-Procedencia excepcional cuando el margen \u00a0 de desigualdad existente entre las partes es tal que establece una situaci\u00f3n de \u00a0 indefensi\u00f3n \u00a0 \u00a0 El desarrollo jurisprudencial ha habilitado excepcionalmente \u00a0 el recurso a la acci\u00f3n de tutela contra particulares en controversias suscitadas \u00a0 a partir de una relaci\u00f3n contractual, cuando el mecanismo ordinario de defensa \u00a0 no aparezca eficaz, dada su complejidad t\u00e9cnica, costos o tiempos ...<br \/><div class=\"pt-cv-rmwrap\"><a href=\"https:\/\/www.dmsjuridica.com\/buscador_20179478954\/corteconstitucionalcronologico202454587\/t-136-13\/\" class=\"_self pt-cv-readmore btn btn-success\" target=\"_self\">Ver Sentencia Completa...<\/a><\/div><\/div><\/div><\/div>\n<div class=\"col-md-12 col-sm-12 col-xs-12 pt-cv-content-item pt-cv-1-col\" ><div class='pt-cv-ifield'><a href=\"https:\/\/www.dmsjuridica.com\/buscador_20179478954\/corteconstitucionalcronologico202454587\/t-135-13\/\" class=\"_self pt-cv-href-thumbnail pt-cv-thumb-default\" target=\"_self\" ><\/a>\n<div class=\"pt-cv-taxoterm above_title\"><a href='https:\/\/www.dmsjuridica.com\/buscador_20179478954\/corteconstitucionalcronologico202454587\/category\/buscar-en-toda-la-corte\/2013\/tutelas-2013\/' title='Tutelas 2013' class='pt-cv-tax-tutelas-2013'>Tutelas 2013<\/a><\/div>\n<h4 class=\"pt-cv-title\"><a href=\"https:\/\/www.dmsjuridica.com\/buscador_20179478954\/corteconstitucionalcronologico202454587\/t-135-13\/\" class=\"_self\" target=\"_self\" >T-135-13<\/a><\/h4>\n<div class=\"pt-cv-content\">\u00a0 \u00a0 \u00a0 \u00a0 \u00a0 \u00a0T-135-13 \u00a0 \u00a0 \u00a0 \u00a0 \u00a0 \u00a0\u00a0 Sentencia T-135\/13 \u00a0 \u00a0 OBRAS DE \u00a0 DESARROLLO Y PROGRESO FRENTE A LA PROTECCION DE DERECHOS FUNDAMENTALES DE LAS \u00a0 PERSONAS-Participaci\u00f3n y concertaci\u00f3n de personas afectadas por el \u00a0 desarrollo de megaproyectos \u00a0 \u00a0 El derecho a la participaci\u00f3n de los grupos \u00a0 de poblaci\u00f3n potencialmente afectados por causa de un proyecto de tal \u00edndole, \u00a0 constituye una de las formas en las que el Estado puede y debe prevenir que \u00a0 visiones generales del \u201cinter\u00e9s general\u201d generen graves afectaciones en los \u00a0 derechos de las personas. Al ...<br \/><div class=\"pt-cv-rmwrap\"><a href=\"https:\/\/www.dmsjuridica.com\/buscador_20179478954\/corteconstitucionalcronologico202454587\/t-135-13\/\" class=\"_self pt-cv-readmore btn btn-success\" target=\"_self\">Ver Sentencia Completa...<\/a><\/div><\/div><\/div><\/div>\n<div class=\"col-md-12 col-sm-12 col-xs-12 pt-cv-content-item pt-cv-1-col\" ><div class='pt-cv-ifield'><a href=\"https:\/\/www.dmsjuridica.com\/buscador_20179478954\/corteconstitucionalcronologico202454587\/t-134-13\/\" class=\"_self pt-cv-href-thumbnail pt-cv-thumb-default\" target=\"_self\" ><\/a>\n<div class=\"pt-cv-taxoterm above_title\"><a href='https:\/\/www.dmsjuridica.com\/buscador_20179478954\/corteconstitucionalcronologico202454587\/category\/buscar-en-toda-la-corte\/2013\/tutelas-2013\/' title='Tutelas 2013' class='pt-cv-tax-tutelas-2013'>Tutelas 2013<\/a><\/div>\n<h4 class=\"pt-cv-title\"><a href=\"https:\/\/www.dmsjuridica.com\/buscador_20179478954\/corteconstitucionalcronologico202454587\/t-134-13\/\" class=\"_self\" target=\"_self\" >T-134-13<\/a><\/h4>\n<div class=\"pt-cv-content\">\u00a0 \u00a0 \u00a0 \u00a0 \u00a0 \u00a0T-134-13 \u00a0 \u00a0 \u00a0 \u00a0 \u00a0 \u00a0\u00a0 Nota de Relator\u00eda: Mediante \u00a0 auto 230 de 2013, el cual se anexa en la parte final de esta providencia,\u00a0 \u00a0 se corrigen los numerales 3.1 y 4 de los antecedentes en los cuales se hace \u00a0 referencia al Juzgado 1\u00ba Penal del Circuito de Santa Rosa de Viterbo, para que \u00a0 en su lugar se lea:\u00a0 Juzgado 1\u00ba. Penal del Circuito de Sogamoso \u2013 Boyac\u00e1.\u00a0 \u00a0 \u00a0\u00a0 Sentencia T-134\/13 \u00a0 \u00a0 ACCION DE \u00a0 TUTELA PARA RECONOCIMIENTO DE PENSION DE SOBREVIVIENTES-Reiteraci\u00f3n de \u00a0 jurisprudencia sobre procedencia excepcional ...<br \/><div class=\"pt-cv-rmwrap\"><a href=\"https:\/\/www.dmsjuridica.com\/buscador_20179478954\/corteconstitucionalcronologico202454587\/t-134-13\/\" class=\"_self pt-cv-readmore btn btn-success\" target=\"_self\">Ver Sentencia Completa...<\/a><\/div><\/div><\/div><\/div>\n<div class=\"col-md-12 col-sm-12 col-xs-12 pt-cv-content-item pt-cv-1-col\" ><div class='pt-cv-ifield'><a href=\"https:\/\/www.dmsjuridica.com\/buscador_20179478954\/corteconstitucionalcronologico202454587\/t-133-13\/\" class=\"_self pt-cv-href-thumbnail pt-cv-thumb-default\" target=\"_self\" ><\/a>\n<div class=\"pt-cv-taxoterm above_title\"><a href='https:\/\/www.dmsjuridica.com\/buscador_20179478954\/corteconstitucionalcronologico202454587\/category\/buscar-en-toda-la-corte\/2013\/tutelas-2013\/' title='Tutelas 2013' class='pt-cv-tax-tutelas-2013'>Tutelas 2013<\/a><\/div>\n<h4 class=\"pt-cv-title\"><a href=\"https:\/\/www.dmsjuridica.com\/buscador_20179478954\/corteconstitucionalcronologico202454587\/t-133-13\/\" class=\"_self\" target=\"_self\" >T-133-13<\/a><\/h4>\n<div class=\"pt-cv-content\">\u00a0 \u00a0 \u00a0 \u00a0 \u00a0 \u00a0T-133-13 \u00a0 \u00a0 \u00a0 \u00a0 \u00a0 \u00a0\u00a0 Sentencia T-133\/13 \u00a0 \u00a0 FUNDAMENTALIDAD DEL DERECHO A LA SALUD-Principios de continuidad, integralidad y garant\u00eda de \u00a0 acceso a los servicios de salud \u00a0 \u00a0 La fundamentalidad del derecho a la salud se hace efectiva a partir del \u00a0 cumplimiento de los principios de continuidad, integralidad y la garant\u00eda de \u00a0 acceso a los servicios, entre otros. Con base en ello, est\u00e1 constitucionalmente \u00a0 prohibido, salvo las excepciones previstas en la sentencia C-800 de 2003, que \u00a0 una entidad abandone el tratamiento al que se somete a una ...<br \/><div class=\"pt-cv-rmwrap\"><a href=\"https:\/\/www.dmsjuridica.com\/buscador_20179478954\/corteconstitucionalcronologico202454587\/t-133-13\/\" class=\"_self pt-cv-readmore btn btn-success\" target=\"_self\">Ver Sentencia Completa...<\/a><\/div><\/div><\/div><\/div>\n<div class=\"col-md-12 col-sm-12 col-xs-12 pt-cv-content-item pt-cv-1-col\" ><div class='pt-cv-ifield'><a href=\"https:\/\/www.dmsjuridica.com\/buscador_20179478954\/corteconstitucionalcronologico202454587\/t-119-13\/\" class=\"_self pt-cv-href-thumbnail pt-cv-thumb-default\" target=\"_self\" ><\/a>\n<div class=\"pt-cv-taxoterm above_title\"><a href='https:\/\/www.dmsjuridica.com\/buscador_20179478954\/corteconstitucionalcronologico202454587\/category\/buscar-en-toda-la-corte\/2013\/tutelas-2013\/' title='Tutelas 2013' class='pt-cv-tax-tutelas-2013'>Tutelas 2013<\/a><\/div>\n<h4 class=\"pt-cv-title\"><a href=\"https:\/\/www.dmsjuridica.com\/buscador_20179478954\/corteconstitucionalcronologico202454587\/t-119-13\/\" class=\"_self\" target=\"_self\" >T-119-13<\/a><\/h4>\n<div class=\"pt-cv-content\">\u00a0 \u00a0 \u00a0 \u00a0 \u00a0 \u00a0T-119-13 \u00a0 \u00a0 \u00a0 \u00a0 \u00a0 \u00a0\u00a0 Sentencia \u00a0 T-119\/13 \u00a0 \u00a0 PRINCIPIO DE \u00a0 SUBSIDIARIEDAD DE LA ACCION DE TUTELA Y SUS EXCEPCIONES EN MATERIA DE DICTAMENES \u00a0 DE PERDIDA DE LA CAPACIDAD LABORAL-Procedencia \u00a0 cuando afecta derechos fundamentales \u00a0 \u00a0 Tal como lo se\u00f1ala la jurisprudencia de esta Corporaci\u00f3n, cuando los \u00a0 mecanismos ordinarios de defensa judicial no resulten ser los m\u00e1s eficaces e \u00a0 inmediatos para la protecci\u00f3n de los derechos fundamentales de las personas, la \u00a0 acci\u00f3n de tutela, a pesar de ser un instrumento subsidiario, se constituye como \u00a0 el ...<br \/><div class=\"pt-cv-rmwrap\"><a href=\"https:\/\/www.dmsjuridica.com\/buscador_20179478954\/corteconstitucionalcronologico202454587\/t-119-13\/\" class=\"_self pt-cv-readmore btn btn-success\" target=\"_self\">Ver Sentencia Completa...<\/a><\/div><\/div><\/div><\/div>\n<div class=\"col-md-12 col-sm-12 col-xs-12 pt-cv-content-item pt-cv-1-col\" ><div class='pt-cv-ifield'><a href=\"https:\/\/www.dmsjuridica.com\/buscador_20179478954\/corteconstitucionalcronologico202454587\/t-118-13\/\" class=\"_self pt-cv-href-thumbnail pt-cv-thumb-default\" target=\"_self\" ><\/a>\n<div class=\"pt-cv-taxoterm above_title\"><a href='https:\/\/www.dmsjuridica.com\/buscador_20179478954\/corteconstitucionalcronologico202454587\/category\/buscar-en-toda-la-corte\/2013\/tutelas-2013\/' title='Tutelas 2013' class='pt-cv-tax-tutelas-2013'>Tutelas 2013<\/a><\/div>\n<h4 class=\"pt-cv-title\"><a href=\"https:\/\/www.dmsjuridica.com\/buscador_20179478954\/corteconstitucionalcronologico202454587\/t-118-13\/\" class=\"_self\" target=\"_self\" >T-118-13<\/a><\/h4>\n<div class=\"pt-cv-content\">\u00a0 \u00a0 \u00a0 \u00a0 \u00a0 \u00a0T-118-13 \u00a0 \u00a0 \u00a0 \u00a0 \u00a0 \u00a0\u00a0 Sentencia T-118\/13 \u00a0 \u00a0 ACCION DE TUTELA PARA RECONOCIMIENTO DE PENSION DE \u00a0 SOBREVIVIENTES-Procedencia por cuanto \u00a0 se cumplen requisitos y para evitar perjuicio irremediable \u00a0 \u00a0 DERECHO FUNDAMENTAL DE PETICION-Contenido y alcance \u00a0 \u00a0 DERECHO DE PETICION EN MATERIA PENSIONAL-T\u00e9rmino de cuatro y seis meses para resolver \u00a0 reconocimiento y pago \u00a0 \u00a0 REQUISITO DE FIDELIDAD AL SISTEMA PARA PENSION DE \u00a0 INVALIDEZ Y SOBREVIVIENTES-Declaratoria \u00a0 de inexequibilidad y efectos del fallo C-428\/09 y C-556\/09 \u00a0 \u00a0 Conforme a la jurisprudencia trazada por la Corte \u00a0 Constitucional, ...<br \/><div class=\"pt-cv-rmwrap\"><a href=\"https:\/\/www.dmsjuridica.com\/buscador_20179478954\/corteconstitucionalcronologico202454587\/t-118-13\/\" class=\"_self pt-cv-readmore btn btn-success\" target=\"_self\">Ver Sentencia Completa...<\/a><\/div><\/div><\/div><\/div>\n<div class=\"col-md-12 col-sm-12 col-xs-12 pt-cv-content-item pt-cv-1-col\" ><div class='pt-cv-ifield'><a href=\"https:\/\/www.dmsjuridica.com\/buscador_20179478954\/corteconstitucionalcronologico202454587\/t-117a-13\/\" class=\"_self pt-cv-href-thumbnail pt-cv-thumb-default\" target=\"_self\" ><\/a>\n<div class=\"pt-cv-taxoterm above_title\"><a href='https:\/\/www.dmsjuridica.com\/buscador_20179478954\/corteconstitucionalcronologico202454587\/category\/buscar-en-toda-la-corte\/2013\/tutelas-2013\/' title='Tutelas 2013' class='pt-cv-tax-tutelas-2013'>Tutelas 2013<\/a><\/div>\n<h4 class=\"pt-cv-title\"><a href=\"https:\/\/www.dmsjuridica.com\/buscador_20179478954\/corteconstitucionalcronologico202454587\/t-117a-13\/\" class=\"_self\" target=\"_self\" >T-117A-13<\/a><\/h4>\n<div class=\"pt-cv-content\">\u00a0 \u00a0 \u00a0 \u00a0 \u00a0 \u00a0T-117A-13 \u00a0 \u00a0 \u00a0 \u00a0 \u00a0 \u00a0\u00a0 Sentencia T-117A\/13 \u00a0 \u00a0 (Bogot\u00e1 D.C., Marzo 12) \u00a0 \u00a0 DERECHO A LA \u00a0 SALUD Y A LA VIDA DIGNA DE ADULTO MAYOR-Vulneraci\u00f3n \u00a0 por EPS por decisi\u00f3n de reemplazar el suministro de ox\u00edgeno en pipetas por un \u00a0 generador de ox\u00edgeno que opera con energ\u00eda el\u00e9ctrica, sin contar con la precaria \u00a0 situaci\u00f3n econ\u00f3mica \u00a0 \u00a0 CARENCIA ACTUAL \u00a0 DE OBJETO POR HECHO SUPERADO-Se restableci\u00f3 el \u00a0 suministro de ox\u00edgeno en pipetas de gas \u00a0 \u00a0 \u00a0 \u00a0 \u00a0 \u00a0\u00a0 Referencia: Expediente T-3.679.250. \u00a0 \u00a0 Fallos de ...<br \/><div class=\"pt-cv-rmwrap\"><a href=\"https:\/\/www.dmsjuridica.com\/buscador_20179478954\/corteconstitucionalcronologico202454587\/t-117a-13\/\" class=\"_self pt-cv-readmore btn btn-success\" target=\"_self\">Ver Sentencia Completa...<\/a><\/div><\/div><\/div><\/div>\n<div class=\"col-md-12 col-sm-12 col-xs-12 pt-cv-content-item pt-cv-1-col\" ><div class='pt-cv-ifield'><a href=\"https:\/\/www.dmsjuridica.com\/buscador_20179478954\/corteconstitucionalcronologico202454587\/t-117-13\/\" class=\"_self pt-cv-href-thumbnail pt-cv-thumb-default\" target=\"_self\" ><\/a>\n<div class=\"pt-cv-taxoterm above_title\"><a href='https:\/\/www.dmsjuridica.com\/buscador_20179478954\/corteconstitucionalcronologico202454587\/category\/buscar-en-toda-la-corte\/2013\/tutelas-2013\/' title='Tutelas 2013' class='pt-cv-tax-tutelas-2013'>Tutelas 2013<\/a><\/div>\n<h4 class=\"pt-cv-title\"><a href=\"https:\/\/www.dmsjuridica.com\/buscador_20179478954\/corteconstitucionalcronologico202454587\/t-117-13\/\" class=\"_self\" target=\"_self\" >T-117-13<\/a><\/h4>\n<div class=\"pt-cv-content\">\u00a0 \u00a0 \u00a0 \u00a0 \u00a0 \u00a0T-117-13 \u00a0 \u00a0 \u00a0 \u00a0 \u00a0 \u00a0\u00a0 Sentencia T-117\/13 \u00a0 \u00a0 ACCION DE TUTELA CONTRA PROVIDENCIAS JUDICIALES-Reglas de procedencia y procedibilidad conforme a la \u00a0 sentencia C-590\/05 \u00a0 \u00a0 DEFECTO FACTICO EN LA JURISPRUDENCIA CONSTITUCIONAL-Reiteraci\u00f3n de jurisprudencia \u00a0 \u00a0 DEFECTO FACTICO-Se estructura siempre que existan fallas sustanciales en la decisi\u00f3n, \u00a0 atribuibles a deficiencias probatorias del proceso \u00a0 \u00a0 DEFECTO FACTICO-Dimensi\u00f3n negativa de la prueba por valoraci\u00f3n defectuosa del material \u00a0 probatorio allegado al proceso \u00a0 \u00a0 Ocurre cuando el funcionario judicial al momento de valorar la prueba niega o \u00a0 valora la prueba de ...<br \/><div class=\"pt-cv-rmwrap\"><a href=\"https:\/\/www.dmsjuridica.com\/buscador_20179478954\/corteconstitucionalcronologico202454587\/t-117-13\/\" class=\"_self pt-cv-readmore btn btn-success\" target=\"_self\">Ver Sentencia Completa...<\/a><\/div><\/div><\/div><\/div>\n<div class=\"col-md-12 col-sm-12 col-xs-12 pt-cv-content-item pt-cv-1-col\" ><div class='pt-cv-ifield'><a href=\"https:\/\/www.dmsjuridica.com\/buscador_20179478954\/corteconstitucionalcronologico202454587\/t-116a-13\/\" class=\"_self pt-cv-href-thumbnail pt-cv-thumb-default\" target=\"_self\" ><\/a>\n<div class=\"pt-cv-taxoterm above_title\"><a href='https:\/\/www.dmsjuridica.com\/buscador_20179478954\/corteconstitucionalcronologico202454587\/category\/buscar-en-toda-la-corte\/2013\/tutelas-2013\/' title='Tutelas 2013' class='pt-cv-tax-tutelas-2013'>Tutelas 2013<\/a><\/div>\n<h4 class=\"pt-cv-title\"><a href=\"https:\/\/www.dmsjuridica.com\/buscador_20179478954\/corteconstitucionalcronologico202454587\/t-116a-13\/\" class=\"_self\" target=\"_self\" >T-116A-13<\/a><\/h4>\n<div class=\"pt-cv-content\">\u00a0 \u00a0 \u00a0 \u00a0 \u00a0 \u00a0T-116A-13 \u00a0 \u00a0 \u00a0 \u00a0 \u00a0 \u00a0\u00a0 Sentencia T-116A\/13 \u00a0 \u00a0 DERECHO A LA SALUD DE NI\u00d1OS, NI\u00d1AS Y ADOLESCENTES EN \u00a0 SITUACION DE DISCAPACIDAD-Protecci\u00f3n \u00a0 constitucional \u00a0 \u00a0 Este tribunal constitucional ha sido consecuente en pro \u00a0 de quienes se encuentran en situaci\u00f3n de retardo mental o d\u00e9ficit cognitivo, que \u00a0 est\u00e1n por ende en adicional vulnerabilidad y dificultad para ejercer sus \u00a0 derechos fundamentales, en tanto su particular realidad dista de la de \u00a0 cong\u00e9neres que disfruten de aptitudes f\u00edsicas naturales suficientes para \u00a0 participar activamente en sociedad y hacer valer sus derechos ...<br \/><div class=\"pt-cv-rmwrap\"><a href=\"https:\/\/www.dmsjuridica.com\/buscador_20179478954\/corteconstitucionalcronologico202454587\/t-116a-13\/\" class=\"_self pt-cv-readmore btn btn-success\" target=\"_self\">Ver Sentencia Completa...<\/a><\/div><\/div><\/div><\/div>\n<div class=\"col-md-12 col-sm-12 col-xs-12 pt-cv-content-item pt-cv-1-col\" ><div class='pt-cv-ifield'><a href=\"https:\/\/www.dmsjuridica.com\/buscador_20179478954\/corteconstitucionalcronologico202454587\/t-116-13\/\" class=\"_self pt-cv-href-thumbnail pt-cv-thumb-default\" target=\"_self\" ><\/a>\n<div class=\"pt-cv-taxoterm above_title\"><a href='https:\/\/www.dmsjuridica.com\/buscador_20179478954\/corteconstitucionalcronologico202454587\/category\/buscar-en-toda-la-corte\/2013\/tutelas-2013\/' title='Tutelas 2013' class='pt-cv-tax-tutelas-2013'>Tutelas 2013<\/a><\/div>\n<h4 class=\"pt-cv-title\"><a href=\"https:\/\/www.dmsjuridica.com\/buscador_20179478954\/corteconstitucionalcronologico202454587\/t-116-13\/\" class=\"_self\" target=\"_self\" >T-116-13<\/a><\/h4>\n<div class=\"pt-cv-content\">\u00a0 \u00a0 \u00a0 \u00a0 \u00a0 \u00a0T-116-13 \u00a0 \u00a0 \u00a0 \u00a0 \u00a0 \u00a0\u00a0 Sentencia \u00a0 T-116\/13 \u00a0 \u00a0 ACCION DE \u00a0 TUTELA PARA OBTENER REINTEGRO LABORAL DE TRABAJADOR DISCAPACITADO QUE GOCE DE \u00a0 ESTABILIDAD LABORAL REFORZADA-Procedencia excepcional \u00a0 \u00a0 El actor se encuentra en \u00a0 una situaci\u00f3n de debilidad manifiesta, pues de los ex\u00e1menes y \u00f3rdenes m\u00e9dicas \u00a0 puede extraerse que al momento de la interposici\u00f3n de la acci\u00f3n padec\u00eda ciertas \u00a0 disminuciones en su estado de salud consistentes en una p\u00e9rdida de movimiento en \u00a0 10\u00b0 grados del codo derecho y en una hernia inguinal derecha reductible. Por lo \u00a0 ...<br \/><div class=\"pt-cv-rmwrap\"><a href=\"https:\/\/www.dmsjuridica.com\/buscador_20179478954\/corteconstitucionalcronologico202454587\/t-116-13\/\" class=\"_self pt-cv-readmore btn btn-success\" target=\"_self\">Ver Sentencia Completa...<\/a><\/div><\/div><\/div><\/div>\n<div class=\"col-md-12 col-sm-12 col-xs-12 pt-cv-content-item pt-cv-1-col\" ><div class='pt-cv-ifield'><a href=\"https:\/\/www.dmsjuridica.com\/buscador_20179478954\/corteconstitucionalcronologico202454587\/t-115-13\/\" class=\"_self pt-cv-href-thumbnail pt-cv-thumb-default\" target=\"_self\" ><\/a>\n<div class=\"pt-cv-taxoterm above_title\"><a href='https:\/\/www.dmsjuridica.com\/buscador_20179478954\/corteconstitucionalcronologico202454587\/category\/buscar-en-toda-la-corte\/2013\/tutelas-2013\/' title='Tutelas 2013' class='pt-cv-tax-tutelas-2013'>Tutelas 2013<\/a><\/div>\n<h4 class=\"pt-cv-title\"><a href=\"https:\/\/www.dmsjuridica.com\/buscador_20179478954\/corteconstitucionalcronologico202454587\/t-115-13\/\" class=\"_self\" target=\"_self\" >T-115-13<\/a><\/h4>\n<div class=\"pt-cv-content\">\u00a0 \u00a0 \u00a0 \u00a0 \u00a0 \u00a0T-115-13 \u00a0 \u00a0 \u00a0 \u00a0 \u00a0 \u00a0\u00a0 Sentencia T-115\/13 \u00a0 \u00a0 DERECHO A LA \u00a0 SALUD-Garant\u00eda iusfundamental \u00a0 \u00a0 SUMINISTRO DE \u00a0 MEDICAMENTOS, TRATAMIENTOS Y PROCEDIMIENTOS EXCLUIDOS DEL POS-Requisitos \u00a0 \u00a0 SUMINISTRO DE \u00a0 MEDICAMENTOS, TRATAMIENTOS Y PROCEDIMIENTOS EXCLUIDOS DEL POS-Corresponsabilidad \u00a0 entre el ente territorial y la EPS del r\u00e9gimen subsidiado \u00a0 \u00a0 En diversos pronunciamientos esta Corporaci\u00f3n ha \u00a0 definido que cuando se refiere al suministro de servicios m\u00e9dicos excluidos del \u00a0 POS del R\u00e9gimen Subsidiado, la obligaci\u00f3n principal, esto es, su satisfacci\u00f3n \u00a0 directa, recae principalmente en el Estado, dada la precaria ...<br \/><div class=\"pt-cv-rmwrap\"><a href=\"https:\/\/www.dmsjuridica.com\/buscador_20179478954\/corteconstitucionalcronologico202454587\/t-115-13\/\" class=\"_self pt-cv-readmore btn btn-success\" target=\"_self\">Ver Sentencia Completa...<\/a><\/div><\/div><\/div><\/div>\n<div class=\"col-md-12 col-sm-12 col-xs-12 pt-cv-content-item pt-cv-1-col\" ><div class='pt-cv-ifield'><a href=\"https:\/\/www.dmsjuridica.com\/buscador_20179478954\/corteconstitucionalcronologico202454587\/t-114-13\/\" class=\"_self pt-cv-href-thumbnail pt-cv-thumb-default\" target=\"_self\" ><\/a>\n<div class=\"pt-cv-taxoterm above_title\"><a href='https:\/\/www.dmsjuridica.com\/buscador_20179478954\/corteconstitucionalcronologico202454587\/category\/buscar-en-toda-la-corte\/2013\/tutelas-2013\/' title='Tutelas 2013' class='pt-cv-tax-tutelas-2013'>Tutelas 2013<\/a><\/div>\n<h4 class=\"pt-cv-title\"><a href=\"https:\/\/www.dmsjuridica.com\/buscador_20179478954\/corteconstitucionalcronologico202454587\/t-114-13\/\" class=\"_self\" target=\"_self\" >T-114-13<\/a><\/h4>\n<div class=\"pt-cv-content\">\u00a0 \u00a0 \u00a0 \u00a0 \u00a0 \u00a0T-114-13 \u00a0 \u00a0 \u00a0 \u00a0 \u00a0 \u00a0\u00a0 Sentencia T-114\/13 \u00a0 \u00a0 ACCION DE TUTELA PARA SOLICITAR REEMBOLSO DE \u00a0 PRESTACIONES ECONOMICAS-Improcedencia \u00a0 para resolver controversias econ\u00f3micas entre las distintas entidades que hacen \u00a0 parte del sistema de salud \u00a0 \u00a0 RETENCION DE PACIENTE RECIEN NACIDO POR PARTE DE \u00a0 HOSPITAL-No se puede retener la salida \u00a0 f\u00edsica de un paciente no afiliado al sistema de salud, so pretexto de asegurar \u00a0 el pago de servicios m\u00e9dicos \u00a0 \u00a0 DERECHO A LA SALUD DE RECIEN NACIDO-Obligaciones de entidades que hacen parte del Sistema \u00a0 General de ...<br \/><div class=\"pt-cv-rmwrap\"><a href=\"https:\/\/www.dmsjuridica.com\/buscador_20179478954\/corteconstitucionalcronologico202454587\/t-114-13\/\" class=\"_self pt-cv-readmore btn btn-success\" target=\"_self\">Ver Sentencia Completa...<\/a><\/div><\/div><\/div><\/div>\n<div class=\"col-md-12 col-sm-12 col-xs-12 pt-cv-content-item pt-cv-1-col\" ><div class='pt-cv-ifield'><a href=\"https:\/\/www.dmsjuridica.com\/buscador_20179478954\/corteconstitucionalcronologico202454587\/t-113-13\/\" class=\"_self pt-cv-href-thumbnail pt-cv-thumb-default\" target=\"_self\" ><\/a>\n<div class=\"pt-cv-taxoterm above_title\"><a href='https:\/\/www.dmsjuridica.com\/buscador_20179478954\/corteconstitucionalcronologico202454587\/category\/buscar-en-toda-la-corte\/2013\/tutelas-2013\/' title='Tutelas 2013' class='pt-cv-tax-tutelas-2013'>Tutelas 2013<\/a><\/div>\n<h4 class=\"pt-cv-title\"><a href=\"https:\/\/www.dmsjuridica.com\/buscador_20179478954\/corteconstitucionalcronologico202454587\/t-113-13\/\" class=\"_self\" target=\"_self\" >T-113-13<\/a><\/h4>\n<div class=\"pt-cv-content\">Sentencia T-113\/13 \u00a0 \u00a0 ACCION DE TUTELA CONTRA PROVIDENCIAS JUDICIALES-Requisitos generales y especiales de procedibilidad \u00a0 \u00a0 ACCION DE TUTELA CONTRA PROVIDENCIAS JUDICIALES-Relevancia constitucional del requisito general de subsidiariedad para \u00a0 su procedencia excepcional \u00a0 \u00a0 En general, por mandato del art\u00edculo 86 de la \u00a0 Constituci\u00f3n Pol\u00edtica, el an\u00e1lisis de procedencia de la acci\u00f3n de tutela exige \u00a0 del juez constitucional la verificaci\u00f3n de la inexistencia de otro medio de \u00a0 defensa judicial. Ahora bien, la jurisprudencia ha precisado que trat\u00e1ndose de \u00a0 tutelas contra providencias judiciales la verificaci\u00f3n del requisito de \u00a0 subsidiaridad implica un examen m\u00e1s riguroso ...<br \/><div class=\"pt-cv-rmwrap\"><a href=\"https:\/\/www.dmsjuridica.com\/buscador_20179478954\/corteconstitucionalcronologico202454587\/t-113-13\/\" class=\"_self pt-cv-readmore btn btn-success\" target=\"_self\">Ver Sentencia Completa...<\/a><\/div><\/div><\/div><\/div>\n<div class=\"col-md-12 col-sm-12 col-xs-12 pt-cv-content-item pt-cv-1-col\" ><div class='pt-cv-ifield'><a href=\"https:\/\/www.dmsjuridica.com\/buscador_20179478954\/corteconstitucionalcronologico202454587\/t-112-13\/\" class=\"_self pt-cv-href-thumbnail pt-cv-thumb-default\" target=\"_self\" ><\/a>\n<div class=\"pt-cv-taxoterm above_title\"><a href='https:\/\/www.dmsjuridica.com\/buscador_20179478954\/corteconstitucionalcronologico202454587\/category\/buscar-en-toda-la-corte\/2013\/tutelas-2013\/' title='Tutelas 2013' class='pt-cv-tax-tutelas-2013'>Tutelas 2013<\/a><\/div>\n<h4 class=\"pt-cv-title\"><a href=\"https:\/\/www.dmsjuridica.com\/buscador_20179478954\/corteconstitucionalcronologico202454587\/t-112-13\/\" class=\"_self\" target=\"_self\" >T-112-13<\/a><\/h4>\n<div class=\"pt-cv-content\">\u00a0 \u00a0 \u00a0 \u00a0 \u00a0 \u00a0T-112-13 \u00a0 \u00a0 \u00a0 \u00a0 \u00a0 \u00a0\u00a0 Sentencia T-112\/13 \u00a0 \u00a0 ACCION DE TUTELA CONTRA PROVIDENCIAS JUDICIALES-Requisitos generales y especiales de procedibilidad \u00a0 \u00a0 ACCION DE TUTELA CONTRA PROVIDENCIAS JUDICIALES-Improcedencia por cuanto no se agoto recurso \u00a0 extraordinario de casaci\u00f3n contra sentencia que neg\u00f3 pensi\u00f3n de acuerdo con el \u00a0 r\u00e9gimen de transici\u00f3n \u00a0 \u00a0 Referencia: expediente T- 3637314 \u00a0 \u00a0 Acci\u00f3n de tutela instaurada por Luz Fabiola Duque \u00a0 Hern\u00e1ndez contra la Sala Laboral del Tribunal Superior de Medell\u00edn y otros. \u00a0 \u00a0 Magistrado Sustanciador: \u00a0 \u00a0 LUIS ERNESTO VARGAS SILVA \u00a0 \u00a0 Bogot\u00e1, ...<br \/><div class=\"pt-cv-rmwrap\"><a href=\"https:\/\/www.dmsjuridica.com\/buscador_20179478954\/corteconstitucionalcronologico202454587\/t-112-13\/\" class=\"_self pt-cv-readmore btn btn-success\" target=\"_self\">Ver Sentencia Completa...<\/a><\/div><\/div><\/div><\/div>\n<div class=\"col-md-12 col-sm-12 col-xs-12 pt-cv-content-item pt-cv-1-col\" ><div class='pt-cv-ifield'><a href=\"https:\/\/www.dmsjuridica.com\/buscador_20179478954\/corteconstitucionalcronologico202454587\/t-111-13\/\" class=\"_self pt-cv-href-thumbnail pt-cv-thumb-default\" target=\"_self\" ><\/a>\n<div class=\"pt-cv-taxoterm above_title\"><a href='https:\/\/www.dmsjuridica.com\/buscador_20179478954\/corteconstitucionalcronologico202454587\/category\/buscar-en-toda-la-corte\/2013\/tutelas-2013\/' title='Tutelas 2013' class='pt-cv-tax-tutelas-2013'>Tutelas 2013<\/a><\/div>\n<h4 class=\"pt-cv-title\"><a href=\"https:\/\/www.dmsjuridica.com\/buscador_20179478954\/corteconstitucionalcronologico202454587\/t-111-13\/\" class=\"_self\" target=\"_self\" >T-111-13<\/a><\/h4>\n<div class=\"pt-cv-content\">\u00a0 \u00a0 \u00a0 \u00a0 \u00a0 \u00a0T-111-13 \u00a0 \u00a0 \u00a0 \u00a0 \u00a0 \u00a0\u00a0 Sentencia T-111\/13 \u00a0 \u00a0 AGENCIA OFICIOSA EN TUTELA-Se pueden agenciar derechos ajenos cuando el titular de \u00a0 los mismos no est\u00e9 en condiciones de promover su propia defensa \u00a0 \u00a0 DERECHO A LA SALUD COMO DERECHO FUNDAMENTAL AUTONOMO-Reiteraci\u00f3n de jurisprudencia \u00a0 \u00a0 DERECHO A LA SALUD DEL ADULTO MAYOR Y EN SITUACION DE \u00a0 DISCAPACIDAD-Protecci\u00f3n \u00a0 \u00a0 El Estado debe brindar las condiciones normativas y materiales que permitan a \u00a0 personas colocadas en situaciones de debilidad manifiesta, en la medida de lo \u00a0 factible y razonable, superar su ...<br \/><div class=\"pt-cv-rmwrap\"><a href=\"https:\/\/www.dmsjuridica.com\/buscador_20179478954\/corteconstitucionalcronologico202454587\/t-111-13\/\" class=\"_self pt-cv-readmore btn btn-success\" target=\"_self\">Ver Sentencia Completa...<\/a><\/div><\/div><\/div><\/div>\n<div class=\"col-md-12 col-sm-12 col-xs-12 pt-cv-content-item pt-cv-1-col\" ><div class='pt-cv-ifield'><a href=\"https:\/\/www.dmsjuridica.com\/buscador_20179478954\/corteconstitucionalcronologico202454587\/t-104-13\/\" class=\"_self pt-cv-href-thumbnail pt-cv-thumb-default\" target=\"_self\" ><\/a>\n<div class=\"pt-cv-taxoterm above_title\"><a href='https:\/\/www.dmsjuridica.com\/buscador_20179478954\/corteconstitucionalcronologico202454587\/category\/buscar-en-toda-la-corte\/2013\/tutelas-2013\/' title='Tutelas 2013' class='pt-cv-tax-tutelas-2013'>Tutelas 2013<\/a><\/div>\n<h4 class=\"pt-cv-title\"><a href=\"https:\/\/www.dmsjuridica.com\/buscador_20179478954\/corteconstitucionalcronologico202454587\/t-104-13\/\" class=\"_self\" target=\"_self\" >T-104-13<\/a><\/h4>\n<div class=\"pt-cv-content\">\u00a0 \u00a0 \u00a0 \u00a0 \u00a0 \u00a0T-104-13 \u00a0 \u00a0 \u00a0 \u00a0 \u00a0 \u00a0\u00a0 \u00a0\u00a0\u00a0\u00a0\u00a0\u00a0\u00a0\u00a0\u00a0\u00a0\u00a0\u00a0\u00a0\u00a0\u00a0\u00a0\u00a0\u00a0\u00a0\u00a0\u00a0\u00a0\u00a0\u00a0\u00a0\u00a0\u00a0\u00a0\u00a0\u00a0\u00a0\u00a0\u00a0\u00a0\u00a0\u00a0\u00a0\u00a0\u00a0\u00a0\u00a0\u00a0 Sentencia T-104\/13 \u00a0 \u00a0 (Bogot\u00e1, D.C., 5 marzo) \u00a0 \u00a0 EJERCICIO DEL IUS VARIANDI Y \u00a0 SUS LIMITES CONSTITUCIONALES EN CASOS DE TRASLADO DE DOCENTES \u00a0 \u00a0 La jurisprudencia constitucional en reiteradas oportunidades ha \u00a0 estudiado la figura laboral del ius variandi, por medio de la cual el empleador \u00a0 tiene la facultad para modificar las condiciones de trabajo de sus empleados, \u00a0 entre ellas, la posibilidad de ordenar traslados a diferentes lugares. Si bien \u00a0 la administraci\u00f3n p\u00fablica cuenta con una amplia discrecionalidad para ordenar \u00a0 ...<br \/><div class=\"pt-cv-rmwrap\"><a href=\"https:\/\/www.dmsjuridica.com\/buscador_20179478954\/corteconstitucionalcronologico202454587\/t-104-13\/\" class=\"_self pt-cv-readmore btn btn-success\" target=\"_self\">Ver Sentencia Completa...<\/a><\/div><\/div><\/div><\/div>\n<div class=\"col-md-12 col-sm-12 col-xs-12 pt-cv-content-item pt-cv-1-col\" ><div class='pt-cv-ifield'><a href=\"https:\/\/www.dmsjuridica.com\/buscador_20179478954\/corteconstitucionalcronologico202454587\/t-103-13\/\" class=\"_self pt-cv-href-thumbnail pt-cv-thumb-default\" target=\"_self\" ><\/a>\n<div class=\"pt-cv-taxoterm above_title\"><a href='https:\/\/www.dmsjuridica.com\/buscador_20179478954\/corteconstitucionalcronologico202454587\/category\/buscar-en-toda-la-corte\/2013\/tutelas-2013\/' title='Tutelas 2013' class='pt-cv-tax-tutelas-2013'>Tutelas 2013<\/a><\/div>\n<h4 class=\"pt-cv-title\"><a href=\"https:\/\/www.dmsjuridica.com\/buscador_20179478954\/corteconstitucionalcronologico202454587\/t-103-13\/\" class=\"_self\" target=\"_self\" >T-103-13<\/a><\/h4>\n<div class=\"pt-cv-content\">\u00a0 \u00a0 \u00a0 \u00a0 \u00a0 \u00a0T-103-13 \u00a0 \u00a0 \u00a0 \u00a0 \u00a0 \u00a0\u00a0 Sentencia T-103\/13 \u00a0 \u00a0 (Bogot\u00e1, D.C., 05 \u00a0 marzo) \u00a0 \u00a0 ACCION DE \u00a0 TUTELA CONTRA PROVIDENCIAS JUDICIALES-Requisitos generales y especiales de \u00a0 procedibilidad \u00a0 \u00a0 INDEXACION DE \u00a0 LA PRIMERA MESADA PENSIONAL-Contabilizaci\u00f3n del t\u00e9rmino de prescripci\u00f3n \u00a0 seg\u00fan sentencia SU.1073\/12 \u00a0 \u00a0 INDEXACION DE \u00a0 LA PRIMERA MESADA PENSIONAL-F\u00f3rmula de c\u00e1lculo establecida en sentencia \u00a0 SU.1073\/12 \u00a0 \u00a0 CARENCIA \u00a0 ACTUAL DE OBJETO POR DA\u00d1O CONSUMADO CUANDO FALLECE EL TITULAR DE LOS DERECHOS \u00a0 FUNDAMENTALES-Reiteraci\u00f3n de jurisprudencia \u00a0 \u00a0 DERECHOS \u00a0 FUNDAMENTALES DE PERSONA FALLECIDA-Protecci\u00f3n por tutela ...<br \/><div class=\"pt-cv-rmwrap\"><a href=\"https:\/\/www.dmsjuridica.com\/buscador_20179478954\/corteconstitucionalcronologico202454587\/t-103-13\/\" class=\"_self pt-cv-readmore btn btn-success\" target=\"_self\">Ver Sentencia Completa...<\/a><\/div><\/div><\/div><\/div>\n<div class=\"col-md-12 col-sm-12 col-xs-12 pt-cv-content-item pt-cv-1-col\" ><div class='pt-cv-ifield'><a href=\"https:\/\/www.dmsjuridica.com\/buscador_20179478954\/corteconstitucionalcronologico202454587\/t-095-13\/\" class=\"_self pt-cv-href-thumbnail pt-cv-thumb-default\" target=\"_self\" ><\/a>\n<div class=\"pt-cv-taxoterm above_title\"><a href='https:\/\/www.dmsjuridica.com\/buscador_20179478954\/corteconstitucionalcronologico202454587\/category\/buscar-en-toda-la-corte\/2013\/tutelas-2013\/' title='Tutelas 2013' class='pt-cv-tax-tutelas-2013'>Tutelas 2013<\/a><\/div>\n<h4 class=\"pt-cv-title\"><a href=\"https:\/\/www.dmsjuridica.com\/buscador_20179478954\/corteconstitucionalcronologico202454587\/t-095-13\/\" class=\"_self\" target=\"_self\" >T-095-13<\/a><\/h4>\n<div class=\"pt-cv-content\">\u00a0 \u00a0 \u00a0 \u00a0 \u00a0 \u00a0T-095-13 \u00a0 \u00a0 \u00a0 \u00a0 \u00a0 \u00a0\u00a0 Sentencia T-095\/13 \u00a0 \u00a0 ACCION DE TUTELA CONTRA ACTO \u00a0 ADMINISTRATIVO QUE ORDENA TRASLADO DE SERVIDOR PUBLICO-Subreglas para procedencia \u00a0 \u00a0 La Corte Constitucional ha \u00a0 se\u00f1alado de manera clara, que la clasificaci\u00f3n del servidor p\u00fablico no es un \u00a0 criterio diferenciador para la aplicaci\u00f3n de las reglas jurisprudenciales sobre \u00a0 traslados. Esto, por cuanto no ser\u00eda un criterio objetivo el trato diferencial \u00a0 respecto del principio de igualdad. A pesar de que la administraci\u00f3n puede modificar las \u00a0 condiciones de prestaci\u00f3n del servicio, no existe discrecionalidad absoluta, ...<br \/><div class=\"pt-cv-rmwrap\"><a href=\"https:\/\/www.dmsjuridica.com\/buscador_20179478954\/corteconstitucionalcronologico202454587\/t-095-13\/\" class=\"_self pt-cv-readmore btn btn-success\" target=\"_self\">Ver Sentencia Completa...<\/a><\/div><\/div><\/div><\/div>\n<div class=\"col-md-12 col-sm-12 col-xs-12 pt-cv-content-item pt-cv-1-col\" ><div class='pt-cv-ifield'><a href=\"https:\/\/www.dmsjuridica.com\/buscador_20179478954\/corteconstitucionalcronologico202454587\/t-094-13\/\" class=\"_self pt-cv-href-thumbnail pt-cv-thumb-default\" target=\"_self\" ><\/a>\n<div class=\"pt-cv-taxoterm above_title\"><a href='https:\/\/www.dmsjuridica.com\/buscador_20179478954\/corteconstitucionalcronologico202454587\/category\/buscar-en-toda-la-corte\/2013\/tutelas-2013\/' title='Tutelas 2013' class='pt-cv-tax-tutelas-2013'>Tutelas 2013<\/a><\/div>\n<h4 class=\"pt-cv-title\"><a href=\"https:\/\/www.dmsjuridica.com\/buscador_20179478954\/corteconstitucionalcronologico202454587\/t-094-13\/\" class=\"_self\" target=\"_self\" >T-094-13<\/a><\/h4>\n<div class=\"pt-cv-content\">\u00a0 \u00a0 \u00a0 \u00a0 \u00a0 \u00a0T-094-13 \u00a0 \u00a0 \u00a0 \u00a0 \u00a0 \u00a0\u00a0 Sentencia T-094\/13 \u00a0 \u00a0\u00a0 AGENCIA OFICIOSA EN TUTELA DE NI\u00d1OS, \u00a0 NI\u00d1AS Y ADOLESCENTES-Requisitos no \u00a0 tienen aplicaci\u00f3n \u00a0 \u00a0 La jurisprudencia constitucional ha \u00a0 indicado que la corresponsabilidad de todos en la protecci\u00f3n de este grupo, \u00a0 permite que cualquier persona pueda exigir de la autoridad competente, el \u00a0 cumplimiento y garant\u00eda de sus derechos, como expresamente lo consagra el \u00a0 precepto constitucional\u00a0 en cita.\u00a0 Por tanto, es deber de\u00a0 todo \u00a0 individuo en nuestra sociedad actuar como agente oficioso de los\u00a0 derechos \u00a0 y garant\u00edas de ...<br \/><div class=\"pt-cv-rmwrap\"><a href=\"https:\/\/www.dmsjuridica.com\/buscador_20179478954\/corteconstitucionalcronologico202454587\/t-094-13\/\" class=\"_self pt-cv-readmore btn btn-success\" target=\"_self\">Ver Sentencia Completa...<\/a><\/div><\/div><\/div><\/div>\n<div class=\"col-md-12 col-sm-12 col-xs-12 pt-cv-content-item pt-cv-1-col\" ><div class='pt-cv-ifield'><a href=\"https:\/\/www.dmsjuridica.com\/buscador_20179478954\/corteconstitucionalcronologico202454587\/t-093-13\/\" class=\"_self pt-cv-href-thumbnail pt-cv-thumb-default\" target=\"_self\" ><\/a>\n<div class=\"pt-cv-taxoterm above_title\"><a href='https:\/\/www.dmsjuridica.com\/buscador_20179478954\/corteconstitucionalcronologico202454587\/category\/buscar-en-toda-la-corte\/2013\/tutelas-2013\/' title='Tutelas 2013' class='pt-cv-tax-tutelas-2013'>Tutelas 2013<\/a><\/div>\n<h4 class=\"pt-cv-title\"><a href=\"https:\/\/www.dmsjuridica.com\/buscador_20179478954\/corteconstitucionalcronologico202454587\/t-093-13\/\" class=\"_self\" target=\"_self\" >T-093-13<\/a><\/h4>\n<div class=\"pt-cv-content\">\u00a0 \u00a0 \u00a0 \u00a0 \u00a0 \u00a0T-093-13 \u00a0 \u00a0 \u00a0 \u00a0 \u00a0 \u00a0\u00a0 Sentencia T-093\/13 \u00a0 \u00a0 ACCION DE TUTELA PARA RECONOCIMIENTO DE \u00a0 PENSION DE SOBREVIVIENTES-Procedencia \u00a0 excepcional cuando se comprueba afectaci\u00f3n de un derecho fundamental y la \u00a0 irreparabilidad del perjuicio que se deriva de esta afectaci\u00f3n \u00a0 \u00a0 La jurisprudencia de la Corte Constitucional ha \u00a0 reiterado que la pensi\u00f3n de sobrevivientes, anteriormente conocida como \u00a0 sustituci\u00f3n pensional, es una prestaci\u00f3n social fundada en los principios de\u00a0 \u00a0 solidaridad y de universalidad de la seguridad social, que busca garantizar a \u00a0 los familiares de la persona afiliada fallecida, ...<br \/><div class=\"pt-cv-rmwrap\"><a href=\"https:\/\/www.dmsjuridica.com\/buscador_20179478954\/corteconstitucionalcronologico202454587\/t-093-13\/\" class=\"_self pt-cv-readmore btn btn-success\" target=\"_self\">Ver Sentencia Completa...<\/a><\/div><\/div><\/div><\/div>\n<div class=\"col-md-12 col-sm-12 col-xs-12 pt-cv-content-item pt-cv-1-col\" ><div class='pt-cv-ifield'><a href=\"https:\/\/www.dmsjuridica.com\/buscador_20179478954\/corteconstitucionalcronologico202454587\/t-092-13\/\" class=\"_self pt-cv-href-thumbnail pt-cv-thumb-default\" target=\"_self\" ><\/a>\n<div class=\"pt-cv-taxoterm above_title\"><a href='https:\/\/www.dmsjuridica.com\/buscador_20179478954\/corteconstitucionalcronologico202454587\/category\/buscar-en-toda-la-corte\/2013\/tutelas-2013\/' title='Tutelas 2013' class='pt-cv-tax-tutelas-2013'>Tutelas 2013<\/a><\/div>\n<h4 class=\"pt-cv-title\"><a href=\"https:\/\/www.dmsjuridica.com\/buscador_20179478954\/corteconstitucionalcronologico202454587\/t-092-13\/\" class=\"_self\" target=\"_self\" >T-092-13<\/a><\/h4>\n<div class=\"pt-cv-content\">\u00a0 \u00a0 \u00a0 \u00a0 \u00a0 \u00a0T-092-13 \u00a0 \u00a0 \u00a0 \u00a0 \u00a0 \u00a0\u00a0 Sentencia \u00a0 T-092\/13 \u00a0 \u00a0 INDEXACION-Concepto\/INDEXACION-Desarrollo \u00a0 legislativo \u00a0 \u00a0 INDEXACION DE LA PRIMERA MESADA PENSIONAL-Regulaci\u00f3n \u00a0 antes de la Constituci\u00f3n de 1991 \u00a0 \u00a0 INDEXACION DE LA PRIMERA MESADA PENSIONAL EN LA \u00a0 JURISPRUDENCIA CONSTITUCIONAL \u00a0 \u00a0 DERECHO A \u00a0 LA INDEXACION DE LA PRIMERA MESADA PENSIONAL-Universal, fundamental, irrestricto para todos los \u00a0 pensionados, incluso con anterioridad a la Sentencia C-862 de 2006, tiene valor \u00a0 de norma adscrita a la Constituci\u00f3n Pol\u00edtica \u00a0 \u00a0 INDEXACION DE LA PRIMERA MESADA PENSIONAL-No actualizaci\u00f3n con base \u00a0 en el ...<br \/><div class=\"pt-cv-rmwrap\"><a href=\"https:\/\/www.dmsjuridica.com\/buscador_20179478954\/corteconstitucionalcronologico202454587\/t-092-13\/\" class=\"_self pt-cv-readmore btn btn-success\" target=\"_self\">Ver Sentencia Completa...<\/a><\/div><\/div><\/div><\/div>\n<div class=\"col-md-12 col-sm-12 col-xs-12 pt-cv-content-item pt-cv-1-col\" ><div class='pt-cv-ifield'><a href=\"https:\/\/www.dmsjuridica.com\/buscador_20179478954\/corteconstitucionalcronologico202454587\/t-091-13\/\" class=\"_self pt-cv-href-thumbnail pt-cv-thumb-default\" target=\"_self\" ><\/a>\n<div class=\"pt-cv-taxoterm above_title\"><a href='https:\/\/www.dmsjuridica.com\/buscador_20179478954\/corteconstitucionalcronologico202454587\/category\/buscar-en-toda-la-corte\/2013\/tutelas-2013\/' title='Tutelas 2013' class='pt-cv-tax-tutelas-2013'>Tutelas 2013<\/a><\/div>\n<h4 class=\"pt-cv-title\"><a href=\"https:\/\/www.dmsjuridica.com\/buscador_20179478954\/corteconstitucionalcronologico202454587\/t-091-13\/\" class=\"_self\" target=\"_self\" >T-091-13<\/a><\/h4>\n<div class=\"pt-cv-content\">\u00a0 \u00a0 \u00a0 \u00a0 \u00a0 \u00a0T-091-13 \u00a0 \u00a0 \u00a0 \u00a0 \u00a0 \u00a0\u00a0 Sentencia T-091\/13 \u00a0 \u00a0 ACCION DE TUTELA PARA LA PROTECCION DE LOS DERECHOS FUNDAMENTALES DE LA \u00a0 POBLACION DESPLAZADA-Procedencia \u00a0 \u00a0 LEGITIMACION POR ACTIVA-Agencia oficiosa en materia de poblaci\u00f3n \u00a0 desplazada \u00a0 \u00a0 Cuando se trata de la solicitud \u00a0 de amparo a un derecho fundamental de una comunidad ind\u00edgena, la jurisprudencia \u00a0 constitucional ha determinado, respecto de la legitimidad por activa, que la \u00a0 misma puede ser formulada por los representantes debidamente acreditados de \u00a0 dichas comunidades; por cualquier persona integrante de la misma comunidad; o un ...<br \/><div class=\"pt-cv-rmwrap\"><a href=\"https:\/\/www.dmsjuridica.com\/buscador_20179478954\/corteconstitucionalcronologico202454587\/t-091-13\/\" class=\"_self pt-cv-readmore btn btn-success\" target=\"_self\">Ver Sentencia Completa...<\/a><\/div><\/div><\/div><\/div>\n<div class=\"col-md-12 col-sm-12 col-xs-12 pt-cv-content-item pt-cv-1-col\" ><div class='pt-cv-ifield'><a href=\"https:\/\/www.dmsjuridica.com\/buscador_20179478954\/corteconstitucionalcronologico202454587\/t-090-13\/\" class=\"_self pt-cv-href-thumbnail pt-cv-thumb-default\" target=\"_self\" ><\/a>\n<div class=\"pt-cv-taxoterm above_title\"><a href='https:\/\/www.dmsjuridica.com\/buscador_20179478954\/corteconstitucionalcronologico202454587\/category\/buscar-en-toda-la-corte\/2013\/tutelas-2013\/' title='Tutelas 2013' class='pt-cv-tax-tutelas-2013'>Tutelas 2013<\/a><\/div>\n<h4 class=\"pt-cv-title\"><a href=\"https:\/\/www.dmsjuridica.com\/buscador_20179478954\/corteconstitucionalcronologico202454587\/t-090-13\/\" class=\"_self\" target=\"_self\" >T-090-13<\/a><\/h4>\n<div class=\"pt-cv-content\">\u00a0 \u00a0 \u00a0 \u00a0 \u00a0 \u00a0T-090-13 \u00a0 \u00a0 \u00a0 \u00a0 \u00a0 \u00a0\u00a0 NOTA DE RELATORIA:\u00a0 \u00a0 Mediante auto 081 del 25 de abril del 2013,\u00a0 el cual se anexa en la parte \u00a0 final del presente fallo, se corrige un error de transcripci\u00f3n cometido en el \u00a0 numeral primero de la parte resolutiva. \u00a0 \u00a0 Sentencia T-090\/13 \u00a0 \u00a0 ACCION DE TUTELA FRENTE A ACTOS ADMINISTRATIVOS EN MATERIA DE CONCURSO \u00a0 DE MERITOS-Subreglas de procedencia excepcional\/CONCURSO DE MERITOS-Improcedencia \u00a0 en principio contra actos administrativos que la reglamentan o ejecutan \u00a0 \u00a0 En m\u00faltiples oportunidades esta \u00a0 Corporaci\u00f3n ha precisado que ...<br \/><div class=\"pt-cv-rmwrap\"><a href=\"https:\/\/www.dmsjuridica.com\/buscador_20179478954\/corteconstitucionalcronologico202454587\/t-090-13\/\" class=\"_self pt-cv-readmore btn btn-success\" target=\"_self\">Ver Sentencia Completa...<\/a><\/div><\/div><\/div><\/div>\n<div class=\"col-md-12 col-sm-12 col-xs-12 pt-cv-content-item pt-cv-1-col\" ><div class='pt-cv-ifield'><a href=\"https:\/\/www.dmsjuridica.com\/buscador_20179478954\/corteconstitucionalcronologico202454587\/t-087-13\/\" class=\"_self pt-cv-href-thumbnail pt-cv-thumb-default\" target=\"_self\" ><\/a>\n<div class=\"pt-cv-taxoterm above_title\"><a href='https:\/\/www.dmsjuridica.com\/buscador_20179478954\/corteconstitucionalcronologico202454587\/category\/buscar-en-toda-la-corte\/2013\/tutelas-2013\/' title='Tutelas 2013' class='pt-cv-tax-tutelas-2013'>Tutelas 2013<\/a><\/div>\n<h4 class=\"pt-cv-title\"><a href=\"https:\/\/www.dmsjuridica.com\/buscador_20179478954\/corteconstitucionalcronologico202454587\/t-087-13\/\" class=\"_self\" target=\"_self\" >T-087-13<\/a><\/h4>\n<div class=\"pt-cv-content\">\u00a0 \u00a0 \u00a0 \u00a0 \u00a0 \u00a0T-087-13 \u00a0 \u00a0 \u00a0 \u00a0 \u00a0 \u00a0\u00a0 Sentencia T-087\/13 \u00a0 \u00a0 (Bogot\u00e1, D.C., 22 \u00a0 febrero) \u00a0 \u00a0 ACCION DE \u00a0 TUTELA PARA EL RECONOCIMIENTO DE INDEMNIZACION SUSTITUTIVA DE PENSION DE VEJEZ-Procedencia \u00a0 cuando afecta m\u00ednimo vital\u00a0 y no existe otro medio eficaz de defensa \u00a0 \u00a0 Esta Corporaci\u00f3n ha partido del an\u00e1lisis de la situaci\u00f3n \u00a0 especial en la que se encuentran los accionantes, es decir, personas de la \u00a0 tercera edad, y al considerar que no cuentan con otros medios de subsistencia \u00a0 distintos al derecho reclamado, ha admitido su procedencia, al encontrar ...<br \/><div class=\"pt-cv-rmwrap\"><a href=\"https:\/\/www.dmsjuridica.com\/buscador_20179478954\/corteconstitucionalcronologico202454587\/t-087-13\/\" class=\"_self pt-cv-readmore btn btn-success\" target=\"_self\">Ver Sentencia Completa...<\/a><\/div><\/div><\/div><\/div>\n<div class=\"col-md-12 col-sm-12 col-xs-12 pt-cv-content-item pt-cv-1-col\" ><div class='pt-cv-ifield'><a href=\"https:\/\/www.dmsjuridica.com\/buscador_20179478954\/corteconstitucionalcronologico202454587\/t-086-13\/\" class=\"_self pt-cv-href-thumbnail pt-cv-thumb-default\" target=\"_self\" ><\/a>\n<div class=\"pt-cv-taxoterm above_title\"><a href='https:\/\/www.dmsjuridica.com\/buscador_20179478954\/corteconstitucionalcronologico202454587\/category\/buscar-en-toda-la-corte\/2013\/tutelas-2013\/' title='Tutelas 2013' class='pt-cv-tax-tutelas-2013'>Tutelas 2013<\/a><\/div>\n<h4 class=\"pt-cv-title\"><a href=\"https:\/\/www.dmsjuridica.com\/buscador_20179478954\/corteconstitucionalcronologico202454587\/t-086-13\/\" class=\"_self\" target=\"_self\" >T-086-13<\/a><\/h4>\n<div class=\"pt-cv-content\">\u00a0 \u00a0 \u00a0 \u00a0 \u00a0 \u00a0T-086-13 \u00a0 \u00a0 \u00a0 \u00a0 \u00a0 \u00a0\u00a0 Sentencia T-086\/13 \u00a0 \u00a0 ACCION DE TUTELA PARA RECONOCIMIENTO DE \u00a0 PENSION DE VEJEZ-Procedencia \u00a0 excepcional cuando se vulneran derechos de las personas de la tercera edad \u00a0 \u00a0 La acci\u00f3n de tutela es procedente para proteger los \u00a0 derechos fundamentales y, en particular, los derivados del reconocimiento y pago \u00a0 de las prestaciones sociales, en los siguientes casos: (i) cuando no existe otro \u00a0 medio de defensa judicial, o cuando existiendo, el mismo no resulta id\u00f3neo para \u00a0 resolver el caso concreto, eventos en los que la ...<br \/><div class=\"pt-cv-rmwrap\"><a href=\"https:\/\/www.dmsjuridica.com\/buscador_20179478954\/corteconstitucionalcronologico202454587\/t-086-13\/\" class=\"_self pt-cv-readmore btn btn-success\" target=\"_self\">Ver Sentencia Completa...<\/a><\/div><\/div><\/div><\/div>\n<div class=\"col-md-12 col-sm-12 col-xs-12 pt-cv-content-item pt-cv-1-col\" ><div class='pt-cv-ifield'><a href=\"https:\/\/www.dmsjuridica.com\/buscador_20179478954\/corteconstitucionalcronologico202454587\/t-082-13\/\" class=\"_self pt-cv-href-thumbnail pt-cv-thumb-default\" target=\"_self\" ><\/a>\n<div class=\"pt-cv-taxoterm above_title\"><a href='https:\/\/www.dmsjuridica.com\/buscador_20179478954\/corteconstitucionalcronologico202454587\/category\/buscar-en-toda-la-corte\/2013\/tutelas-2013\/' title='Tutelas 2013' class='pt-cv-tax-tutelas-2013'>Tutelas 2013<\/a><\/div>\n<h4 class=\"pt-cv-title\"><a href=\"https:\/\/www.dmsjuridica.com\/buscador_20179478954\/corteconstitucionalcronologico202454587\/t-082-13\/\" class=\"_self\" target=\"_self\" >T-082-13<\/a><\/h4>\n<div class=\"pt-cv-content\">\u00a0 \u00a0 \u00a0 \u00a0 \u00a0 \u00a0T-082-13 \u00a0 \u00a0 \u00a0 \u00a0 \u00a0 \u00a0\u00a0 Sentencia T-082\/13 \u00a0 \u00a0 ACCION DE TUTELA, ACCIONES \u00a0 POPULARES Y ACCIONES DE GRUPO-Mecanismos diferentes para la protecci\u00f3n de \u00a0 derechos fundamentales y derechos colectivos \u00a0 \u00a0 ACCION DE TUTELA Y ACCION \u00a0 POPULAR-Procedencia cuando se afectan derechos fundamentales directamente \u00a0 relacionados con la vulneraci\u00f3n de derechos colectivos\u00a0\u00a0 \u00a0 \u00a0 Por regla general, las acciones \u00a0 populares salvaguardan los derechos colectivos. Sin embargo, tambi\u00e9n se \u00a0 evidencia que la acci\u00f3n de tutela puede proteger derechos fundamentales \u00a0 derivados de la afectaci\u00f3n de derechos e intereses colectivos, en dos ...<br \/><div class=\"pt-cv-rmwrap\"><a href=\"https:\/\/www.dmsjuridica.com\/buscador_20179478954\/corteconstitucionalcronologico202454587\/t-082-13\/\" class=\"_self pt-cv-readmore btn btn-success\" target=\"_self\">Ver Sentencia Completa...<\/a><\/div><\/div><\/div><\/div>\n<div class=\"col-md-12 col-sm-12 col-xs-12 pt-cv-content-item pt-cv-1-col\" ><div class='pt-cv-ifield'><a href=\"https:\/\/www.dmsjuridica.com\/buscador_20179478954\/corteconstitucionalcronologico202454587\/t-081-13\/\" class=\"_self pt-cv-href-thumbnail pt-cv-thumb-default\" target=\"_self\" ><\/a>\n<div class=\"pt-cv-taxoterm above_title\"><a href='https:\/\/www.dmsjuridica.com\/buscador_20179478954\/corteconstitucionalcronologico202454587\/category\/buscar-en-toda-la-corte\/2013\/tutelas-2013\/' title='Tutelas 2013' class='pt-cv-tax-tutelas-2013'>Tutelas 2013<\/a><\/div>\n<h4 class=\"pt-cv-title\"><a href=\"https:\/\/www.dmsjuridica.com\/buscador_20179478954\/corteconstitucionalcronologico202454587\/t-081-13\/\" class=\"_self\" target=\"_self\" >T-081-13<\/a><\/h4>\n<div class=\"pt-cv-content\">\u00a0 \u00a0 \u00a0 \u00a0 \u00a0 \u00a0T-081-13 \u00a0 \u00a0 \u00a0 \u00a0 \u00a0 \u00a0\u00a0 Sentencia T-081\/13 \u00a0 \u00a0 ACCION DE TUTELA TRANSITORIA PARA EVITAR \u00a0 PERJUICIO IRREMEDIABLE-Inminencia, \u00a0 urgencia, gravedad e impostergabilidad de la tutela, deben encontrarse \u00a0 efectivamente comprobadas \u00a0 \u00a0 CARACTERISTICAS DEL PERJUICIO \u00a0 IRREMEDIABLE-Reiteraci\u00f3n de \u00a0 jurisprudencia \u00a0 \u00a0 ACCION DE TUTELA PARA ORDENAR \u00a0 CONSTRUCCION DE OBRA PUBLICA-Procedencia \u00a0 por vulneraci\u00f3n de derechos fundamentales y para evitar perjuicio irremediable \u00a0 \u00a0 La regla general de procedencia de la acci\u00f3n de tutela, \u00a0 incluso en los casos de la necesidad de la construcci\u00f3n de una obra p\u00fablica, \u00a0 debe ...<br \/><div class=\"pt-cv-rmwrap\"><a href=\"https:\/\/www.dmsjuridica.com\/buscador_20179478954\/corteconstitucionalcronologico202454587\/t-081-13\/\" class=\"_self pt-cv-readmore btn btn-success\" target=\"_self\">Ver Sentencia Completa...<\/a><\/div><\/div><\/div><\/div>\n<div class=\"col-md-12 col-sm-12 col-xs-12 pt-cv-content-item pt-cv-1-col\" ><div class='pt-cv-ifield'><a href=\"https:\/\/www.dmsjuridica.com\/buscador_20179478954\/corteconstitucionalcronologico202454587\/t-080-13\/\" class=\"_self pt-cv-href-thumbnail pt-cv-thumb-default\" target=\"_self\" ><\/a>\n<div class=\"pt-cv-taxoterm above_title\"><a href='https:\/\/www.dmsjuridica.com\/buscador_20179478954\/corteconstitucionalcronologico202454587\/category\/buscar-en-toda-la-corte\/2013\/tutelas-2013\/' title='Tutelas 2013' class='pt-cv-tax-tutelas-2013'>Tutelas 2013<\/a><\/div>\n<h4 class=\"pt-cv-title\"><a href=\"https:\/\/www.dmsjuridica.com\/buscador_20179478954\/corteconstitucionalcronologico202454587\/t-080-13\/\" class=\"_self\" target=\"_self\" >T-080-13<\/a><\/h4>\n<div class=\"pt-cv-content\">\u00a0 \u00a0 \u00a0 \u00a0 \u00a0 \u00a0T-080-13 \u00a0 \u00a0 \u00a0 \u00a0 \u00a0 \u00a0\u00a0 Sentencia T-080\/13 \u00a0 \u00a0\u00a0 REGIMEN DE TRANSICION PREVISTO EN EL \u00a0 ARTICULO 36 DE LA LEY 100 DE 1993 \u00a0Y RELACION CON EL DERECHO A LA SEGURIDAD SOCIAL \u00a0 \u00a0 El r\u00e9gimen de transici\u00f3n permite que los derechos \u00a0 pensionales se consoliden con sujeci\u00f3n a la normativa del r\u00e9gimen al que se \u00a0 encontraba afiliado el trabajador al entrar en vigencia el Sistema General de \u00a0 Pensiones (1\u00b0 de abril de 1994), si para esa misma fecha reun\u00eda los siguientes \u00a0 requisitos: tener 35 a\u00f1os de edad si ...<br \/><div class=\"pt-cv-rmwrap\"><a href=\"https:\/\/www.dmsjuridica.com\/buscador_20179478954\/corteconstitucionalcronologico202454587\/t-080-13\/\" class=\"_self pt-cv-readmore btn btn-success\" target=\"_self\">Ver Sentencia Completa...<\/a><\/div><\/div><\/div><\/div>\n<div class=\"col-md-12 col-sm-12 col-xs-12 pt-cv-content-item pt-cv-1-col\" ><div class='pt-cv-ifield'><a href=\"https:\/\/www.dmsjuridica.com\/buscador_20179478954\/corteconstitucionalcronologico202454587\/t-079-13\/\" class=\"_self pt-cv-href-thumbnail pt-cv-thumb-default\" target=\"_self\" ><\/a>\n<div class=\"pt-cv-taxoterm above_title\"><a href='https:\/\/www.dmsjuridica.com\/buscador_20179478954\/corteconstitucionalcronologico202454587\/category\/buscar-en-toda-la-corte\/2013\/tutelas-2013\/' title='Tutelas 2013' class='pt-cv-tax-tutelas-2013'>Tutelas 2013<\/a><\/div>\n<h4 class=\"pt-cv-title\"><a href=\"https:\/\/www.dmsjuridica.com\/buscador_20179478954\/corteconstitucionalcronologico202454587\/t-079-13\/\" class=\"_self\" target=\"_self\" >T-079-13<\/a><\/h4>\n<div class=\"pt-cv-content\">\u00a0 \u00a0 \u00a0 \u00a0 \u00a0 \u00a0T-079-13 \u00a0 \u00a0 \u00a0 \u00a0 \u00a0 \u00a0\u00a0 Sentencia T-079\/13 \u00a0 \u00a0\u00a0 DERECHO A LA SALUD DEL RECIEN NACIDO-No se debe impedir el acceso a los servicios de salud \u00a0 de reci\u00e9n nacido hijo de beneficiaria del r\u00e9gimen contributivo por imposibilidad \u00a0 econ\u00f3mica para cancelar la UPC adicional \u00a0 \u00a0 DERECHO A LA SALUD DEL RECIEN NACIDO-Tienen derecho a ser integrados al sistema de salud \u00a0 como dependientes de sus abuelos, sin exigirle el pago de una cuota adicional \u00a0 cuando se demuestre incapacidad econ\u00f3mica \u00a0 \u00a0 Un reci\u00e9n nacido hijo de una menor de edad ...<br \/><div class=\"pt-cv-rmwrap\"><a href=\"https:\/\/www.dmsjuridica.com\/buscador_20179478954\/corteconstitucionalcronologico202454587\/t-079-13\/\" class=\"_self pt-cv-readmore btn btn-success\" target=\"_self\">Ver Sentencia Completa...<\/a><\/div><\/div><\/div><\/div>\n<div class=\"col-md-12 col-sm-12 col-xs-12 pt-cv-content-item pt-cv-1-col\" ><div class='pt-cv-ifield'><a href=\"https:\/\/www.dmsjuridica.com\/buscador_20179478954\/corteconstitucionalcronologico202454587\/t-078-13\/\" class=\"_self pt-cv-href-thumbnail pt-cv-thumb-default\" target=\"_self\" ><\/a>\n<div class=\"pt-cv-taxoterm above_title\"><a href='https:\/\/www.dmsjuridica.com\/buscador_20179478954\/corteconstitucionalcronologico202454587\/category\/buscar-en-toda-la-corte\/2013\/tutelas-2013\/' title='Tutelas 2013' class='pt-cv-tax-tutelas-2013'>Tutelas 2013<\/a><\/div>\n<h4 class=\"pt-cv-title\"><a href=\"https:\/\/www.dmsjuridica.com\/buscador_20179478954\/corteconstitucionalcronologico202454587\/t-078-13\/\" class=\"_self\" target=\"_self\" >T-078-13<\/a><\/h4>\n<div class=\"pt-cv-content\">\u00a0 \u00a0 \u00a0 \u00a0 \u00a0 \u00a0T-078-13 \u00a0 \u00a0 \u00a0 \u00a0 \u00a0 \u00a0\u00a0 Sentencia T-078\/13 \u00a0 \u00a0 DERECHO A LA SEGURIDAD PERSONAL-Alcance constitucional \u00a0 \u00a0 La seguridad debe ser entendida como valor constitucional, derecho colectivo y \u00a0 fundamental, precis\u00e1ndose respecto de este \u00faltimo, que se constituye en una \u00a0 garant\u00eda que debe ser preservada por el Estado, no circunscribi\u00e9ndose su \u00e1mbito \u00a0 de protecci\u00f3n a las personas privadas de la libertad, sino que tambi\u00e9n se \u00a0 extiende a los dem\u00e1s bienes jur\u00eddicos que en un momento determinado requieren la \u00a0 adopci\u00f3n de medidas de protecci\u00f3n, a fin de garantizar la efectividad ...<br \/><div class=\"pt-cv-rmwrap\"><a href=\"https:\/\/www.dmsjuridica.com\/buscador_20179478954\/corteconstitucionalcronologico202454587\/t-078-13\/\" class=\"_self pt-cv-readmore btn btn-success\" target=\"_self\">Ver Sentencia Completa...<\/a><\/div><\/div><\/div><\/div>\n<div class=\"col-md-12 col-sm-12 col-xs-12 pt-cv-content-item pt-cv-1-col\" ><div class='pt-cv-ifield'><a href=\"https:\/\/www.dmsjuridica.com\/buscador_20179478954\/corteconstitucionalcronologico202454587\/t-077-13\/\" class=\"_self pt-cv-href-thumbnail pt-cv-thumb-default\" target=\"_self\" ><\/a>\n<div class=\"pt-cv-taxoterm above_title\"><a href='https:\/\/www.dmsjuridica.com\/buscador_20179478954\/corteconstitucionalcronologico202454587\/category\/buscar-en-toda-la-corte\/2013\/tutelas-2013\/' title='Tutelas 2013' class='pt-cv-tax-tutelas-2013'>Tutelas 2013<\/a><\/div>\n<h4 class=\"pt-cv-title\"><a href=\"https:\/\/www.dmsjuridica.com\/buscador_20179478954\/corteconstitucionalcronologico202454587\/t-077-13\/\" class=\"_self\" target=\"_self\" >T-077-13<\/a><\/h4>\n<div class=\"pt-cv-content\">\u00a0 \u00a0 \u00a0 \u00a0 \u00a0 \u00a0T-077-13 \u00a0 \u00a0 \u00a0 \u00a0 \u00a0 \u00a0\u00a0 Sentencia T-077\/13 \u00a0 \u00a0 La jurisprudencia de la Corte \u00a0 Constitucional ha desarrollado la noci\u00f3n de relaciones especiales de sujeci\u00f3n \u00a0 como base para el entendimiento del alcance de los deberes y derechos \u00a0 rec\u00edprocos, entre internos y autoridades carcelarias. Estas relaciones de \u00a0 sujeci\u00f3n han sido entendidas como aquellas relaciones jur\u00eddico-administrativas \u00a0 en las cuales el administrado se inserta en la esfera de regulaci\u00f3n de la \u00a0 administraci\u00f3n, quedando sometido \u201ca un r\u00e9gimen jur\u00eddico peculiar que se traduce \u00a0 en un especial tratamiento de la libertad y ...<br \/><div class=\"pt-cv-rmwrap\"><a href=\"https:\/\/www.dmsjuridica.com\/buscador_20179478954\/corteconstitucionalcronologico202454587\/t-077-13\/\" class=\"_self pt-cv-readmore btn btn-success\" target=\"_self\">Ver Sentencia Completa...<\/a><\/div><\/div><\/div><\/div>\n<div class=\"col-md-12 col-sm-12 col-xs-12 pt-cv-content-item pt-cv-1-col\" ><div class='pt-cv-ifield'><a href=\"https:\/\/www.dmsjuridica.com\/buscador_20179478954\/corteconstitucionalcronologico202454587\/t-076-13\/\" class=\"_self pt-cv-href-thumbnail pt-cv-thumb-default\" target=\"_self\" ><\/a>\n<div class=\"pt-cv-taxoterm above_title\"><a href='https:\/\/www.dmsjuridica.com\/buscador_20179478954\/corteconstitucionalcronologico202454587\/category\/buscar-en-toda-la-corte\/2013\/tutelas-2013\/' title='Tutelas 2013' class='pt-cv-tax-tutelas-2013'>Tutelas 2013<\/a><\/div>\n<h4 class=\"pt-cv-title\"><a href=\"https:\/\/www.dmsjuridica.com\/buscador_20179478954\/corteconstitucionalcronologico202454587\/t-076-13\/\" class=\"_self\" target=\"_self\" >T-076-13<\/a><\/h4>\n<div class=\"pt-cv-content\">\u00a0 \u00a0 \u00a0 \u00a0 \u00a0 \u00a0T-076-13 \u00a0 \u00a0 \u00a0 \u00a0 \u00a0 \u00a0\u00a0 Sentencia T-076\/13 \u00a0 \u00a0 DESPLAZAMIENTO FORZADO INTERNO-Procedencia de la acci\u00f3n de tutela como mecanismo de \u00a0 protecci\u00f3n de los derechos fundamentales de la poblaci\u00f3n desplazada \u00a0 \u00a0 En reiterada jurisprudencia de esta Corporaci\u00f3n se ha dispuesto que la acci\u00f3n de \u00a0 tutela es el mecanismo judicial adecuado para la protecci\u00f3n de los derechos \u00a0 fundamentales de la poblaci\u00f3n desplazada. Concretamente, este Tribunal ha \u00a0 entendido que si bien debido a la naturaleza jur\u00eddica de la Agencia Presidencial \u00a0 para la Acci\u00f3n Social y la Cooperaci\u00f3n Internacional \u2013 Acci\u00f3n ...<br \/><div class=\"pt-cv-rmwrap\"><a href=\"https:\/\/www.dmsjuridica.com\/buscador_20179478954\/corteconstitucionalcronologico202454587\/t-076-13\/\" class=\"_self pt-cv-readmore btn btn-success\" target=\"_self\">Ver Sentencia Completa...<\/a><\/div><\/div><\/div><\/div>\n<div class=\"col-md-12 col-sm-12 col-xs-12 pt-cv-content-item pt-cv-1-col\" ><div class='pt-cv-ifield'><a href=\"https:\/\/www.dmsjuridica.com\/buscador_20179478954\/corteconstitucionalcronologico202454587\/t-075-13\/\" class=\"_self pt-cv-href-thumbnail pt-cv-thumb-default\" target=\"_self\" ><\/a>\n<div class=\"pt-cv-taxoterm above_title\"><a href='https:\/\/www.dmsjuridica.com\/buscador_20179478954\/corteconstitucionalcronologico202454587\/category\/buscar-en-toda-la-corte\/2013\/tutelas-2013\/' title='Tutelas 2013' class='pt-cv-tax-tutelas-2013'>Tutelas 2013<\/a><\/div>\n<h4 class=\"pt-cv-title\"><a href=\"https:\/\/www.dmsjuridica.com\/buscador_20179478954\/corteconstitucionalcronologico202454587\/t-075-13\/\" class=\"_self\" target=\"_self\" >T-075-13<\/a><\/h4>\n<div class=\"pt-cv-content\">\u00a0 \u00a0 \u00a0 \u00a0 \u00a0 \u00a0T-075-13 \u00a0 \u00a0 \u00a0 \u00a0 \u00a0 \u00a0\u00a0 Sentencia \u00a0 T-075\/13 \u00a0 \u00a0 PREVALENCIA DEL PRINCIPIO DEL INTERES \u00a0 SUPERIOR DEL NI\u00d1O-Criterios jur\u00eddicos \u00a0 que lo determinan \u00a0 \u00a0 Los derechos de los menores de \u00a0 edad priman sobre los de los dem\u00e1s, por lo cual se ofrecen mayores garant\u00edas y \u00a0 beneficios, para proteger su formaci\u00f3n y desarrollo. Igualmente, al ser los \u00a0 ni\u00f1os sujetos de protecci\u00f3n constitucional reforzada, atraen de manera \u00a0 prioritaria las actuaciones oficiales y particulares que les concierna. As\u00ed, en \u00a0 todas las situaciones en que entren en conflicto los derechos ...<br \/><div class=\"pt-cv-rmwrap\"><a href=\"https:\/\/www.dmsjuridica.com\/buscador_20179478954\/corteconstitucionalcronologico202454587\/t-075-13\/\" class=\"_self pt-cv-readmore btn btn-success\" target=\"_self\">Ver Sentencia Completa...<\/a><\/div><\/div><\/div><\/div>\n<div class=\"col-md-12 col-sm-12 col-xs-12 pt-cv-content-item pt-cv-1-col\" ><div class='pt-cv-ifield'><a href=\"https:\/\/www.dmsjuridica.com\/buscador_20179478954\/corteconstitucionalcronologico202454587\/t-074-13\/\" class=\"_self pt-cv-href-thumbnail pt-cv-thumb-default\" target=\"_self\" ><\/a>\n<div class=\"pt-cv-taxoterm above_title\"><a href='https:\/\/www.dmsjuridica.com\/buscador_20179478954\/corteconstitucionalcronologico202454587\/category\/buscar-en-toda-la-corte\/2013\/tutelas-2013\/' title='Tutelas 2013' class='pt-cv-tax-tutelas-2013'>Tutelas 2013<\/a><\/div>\n<h4 class=\"pt-cv-title\"><a href=\"https:\/\/www.dmsjuridica.com\/buscador_20179478954\/corteconstitucionalcronologico202454587\/t-074-13\/\" class=\"_self\" target=\"_self\" >T-074-13<\/a><\/h4>\n<div class=\"pt-cv-content\">\u00a0 \u00a0 \u00a0 \u00a0 \u00a0 \u00a0T-074-13 \u00a0 \u00a0 \u00a0 \u00a0 \u00a0 \u00a0\u00a0 Sentencia \u00a0 T-074\/13 \u00a0 \u00a0 INDEXACION-Concepto y desarrollo legislativo \u00a0 \u00a0 INDEXACION DE LA PRIMERA \u00a0 MESADA PENSIONAL-Regulaci\u00f3n antes de \u00a0 la Constituci\u00f3n de 1991 \u00a0 \u00a0 INDEXACION DE LA PRIMERA \u00a0 MESADA PENSIONAL-Jurisprudencia Sala \u00a0 de Casaci\u00f3n Laboral Corte Suprema de Justicia \u00a0 \u00a0 INDEXACION DE LA PRIMERA \u00a0 MESADA PENSIONAL EN LA JURISPRUDENCIA CONSTITUCIONAL \u00a0 \u00a0 El derecho a la indexaci\u00f3n de \u00a0 la primera mesada pensional materializa diversos preceptos de rango \u00a0 constitucional, y por tanto, a partir de la Constituci\u00f3n de 1991 existe \u201cun ...<br \/><div class=\"pt-cv-rmwrap\"><a href=\"https:\/\/www.dmsjuridica.com\/buscador_20179478954\/corteconstitucionalcronologico202454587\/t-074-13\/\" class=\"_self pt-cv-readmore btn btn-success\" target=\"_self\">Ver Sentencia Completa...<\/a><\/div><\/div><\/div><\/div>\n<div class=\"col-md-12 col-sm-12 col-xs-12 pt-cv-content-item pt-cv-1-col\" ><div class='pt-cv-ifield'><a href=\"https:\/\/www.dmsjuridica.com\/buscador_20179478954\/corteconstitucionalcronologico202454587\/t-073-13\/\" class=\"_self pt-cv-href-thumbnail pt-cv-thumb-default\" target=\"_self\" ><\/a>\n<div class=\"pt-cv-taxoterm above_title\"><a href='https:\/\/www.dmsjuridica.com\/buscador_20179478954\/corteconstitucionalcronologico202454587\/category\/buscar-en-toda-la-corte\/2013\/tutelas-2013\/' title='Tutelas 2013' class='pt-cv-tax-tutelas-2013'>Tutelas 2013<\/a><\/div>\n<h4 class=\"pt-cv-title\"><a href=\"https:\/\/www.dmsjuridica.com\/buscador_20179478954\/corteconstitucionalcronologico202454587\/t-073-13\/\" class=\"_self\" target=\"_self\" >T-073-13<\/a><\/h4>\n<div class=\"pt-cv-content\">\u00a0 \u00a0 \u00a0 \u00a0 \u00a0 \u00a0T-073-13 \u00a0 \u00a0 \u00a0 \u00a0 \u00a0 \u00a0\u00a0 \u00a0Sentencia T-073\/13 \u00a0 \u00a0 AGENCIA OFICIOSA EN TUTELA-Titular de derechos no se encuentra en condiciones de \u00a0 promover su propia defensa \u00a0 \u00a0 Esta Sala encuentra que la acci\u00f3n es interpuesta la compa\u00f1era permanente del se\u00f1or. Por \u00a0 lo tanto, existe legitimaci\u00f3n en la \u00a0 causa por activa, toda vez que el agenciado no puede valerse por si mismo debido \u00a0 a la patolog\u00eda que lo afecta, hecho que dej\u00f3 claro en el escrito de la demanda, \u00a0 situaci\u00f3n que se enmarca en lo dispuesto en el art\u00edculo ...<br \/><div class=\"pt-cv-rmwrap\"><a href=\"https:\/\/www.dmsjuridica.com\/buscador_20179478954\/corteconstitucionalcronologico202454587\/t-073-13\/\" class=\"_self pt-cv-readmore btn btn-success\" target=\"_self\">Ver Sentencia Completa...<\/a><\/div><\/div><\/div><\/div>\n<div class=\"col-md-12 col-sm-12 col-xs-12 pt-cv-content-item pt-cv-1-col\" ><div class='pt-cv-ifield'><a href=\"https:\/\/www.dmsjuridica.com\/buscador_20179478954\/corteconstitucionalcronologico202454587\/t-072-13\/\" class=\"_self pt-cv-href-thumbnail pt-cv-thumb-default\" target=\"_self\" ><\/a>\n<div class=\"pt-cv-taxoterm above_title\"><a href='https:\/\/www.dmsjuridica.com\/buscador_20179478954\/corteconstitucionalcronologico202454587\/category\/buscar-en-toda-la-corte\/2013\/tutelas-2013\/' title='Tutelas 2013' class='pt-cv-tax-tutelas-2013'>Tutelas 2013<\/a><\/div>\n<h4 class=\"pt-cv-title\"><a href=\"https:\/\/www.dmsjuridica.com\/buscador_20179478954\/corteconstitucionalcronologico202454587\/t-072-13\/\" class=\"_self\" target=\"_self\" >T-072-13<\/a><\/h4>\n<div class=\"pt-cv-content\">\u00a0 \u00a0 \u00a0 \u00a0 \u00a0 \u00a0T-072-13 \u00a0 \u00a0 \u00a0 \u00a0 \u00a0 \u00a0\u00a0 Sentencia \u00a0 T-072\/13 \u00a0 \u00a0 PENSION DE INVALIDEZ COMO COMPONENTE ESENCIAL DE LA SEGURIDAD SOCIAL-Fundamentos \u00a0 \u00a0 De manera especial, con la protecci\u00f3n de esta garant\u00eda en las hip\u00f3tesis de \u00a0 invalidez, se busca evitar los efectos negativos que emanan de la falta de \u00a0 recursos econ\u00f3micos para cubrir aspectos b\u00e1sicos como la salud y el \u00a0 sostenimiento del hogar, debido a la imposibilidad del trabajador de seguir \u00a0 desempe\u00f1\u00e1ndose en el mercado laboral. \u00a0 \u00a0 PENSION DE INVALIDEZ-Finalidad\/PENSION \u00a0 DE INVALIDEZ-Requisitos para obtener reconocimiento y pago \u00a0 ...<br \/><div class=\"pt-cv-rmwrap\"><a href=\"https:\/\/www.dmsjuridica.com\/buscador_20179478954\/corteconstitucionalcronologico202454587\/t-072-13\/\" class=\"_self pt-cv-readmore btn btn-success\" target=\"_self\">Ver Sentencia Completa...<\/a><\/div><\/div><\/div><\/div>\n<div class=\"col-md-12 col-sm-12 col-xs-12 pt-cv-content-item pt-cv-1-col\" ><div class='pt-cv-ifield'><a href=\"https:\/\/www.dmsjuridica.com\/buscador_20179478954\/corteconstitucionalcronologico202454587\/t-067-13\/\" class=\"_self pt-cv-href-thumbnail pt-cv-thumb-default\" target=\"_self\" ><\/a>\n<div class=\"pt-cv-taxoterm above_title\"><a href='https:\/\/www.dmsjuridica.com\/buscador_20179478954\/corteconstitucionalcronologico202454587\/category\/buscar-en-toda-la-corte\/2013\/tutelas-2013\/' title='Tutelas 2013' class='pt-cv-tax-tutelas-2013'>Tutelas 2013<\/a><\/div>\n<h4 class=\"pt-cv-title\"><a href=\"https:\/\/www.dmsjuridica.com\/buscador_20179478954\/corteconstitucionalcronologico202454587\/t-067-13\/\" class=\"_self\" target=\"_self\" >T-067-13<\/a><\/h4>\n<div class=\"pt-cv-content\">\u00a0 \u00a0 \u00a0 \u00a0 \u00a0 \u00a0T-067-13 \u00a0 \u00a0 \u00a0 \u00a0 \u00a0 \u00a0\u00a0 Sentencia T-067\/13 \u00a0 \u00a0 ACCION DE TUTELA PARA RECONOCIMIENTO DE PENSION DE \u00a0 VEJEZ-Procedencia excepcional para \u00a0 evitar un perjuicio irremediable \u00a0 \u00a0 DERECHO FUNDAMENTAL A LA SEGURIDAD SOCIAL Y VIDA \u00a0 PROBABLE DE LOS ANCIANOS-L\u00ednea \u00a0 jurisprudencial\/PERSONA DE LA TERCERA EDAD Y VIA EXCEPCIONAL DE LA ACCION DE \u00a0 TUTELA PARA RECLAMAR PENSION DE VEJEZ-Tesis sobre la vida probable \u00a0 \u00a0 En relaci\u00f3n con la seguridad social de las personas de \u00a0 la tercera edad, la Corte ha desarrollado una l\u00ednea jurisprudencial de la mayor \u00a0 trascendencia\u00a0 ...<br \/><div class=\"pt-cv-rmwrap\"><a href=\"https:\/\/www.dmsjuridica.com\/buscador_20179478954\/corteconstitucionalcronologico202454587\/t-067-13\/\" class=\"_self pt-cv-readmore btn btn-success\" target=\"_self\">Ver Sentencia Completa...<\/a><\/div><\/div><\/div><\/div>\n<div class=\"col-md-12 col-sm-12 col-xs-12 pt-cv-content-item pt-cv-1-col\" ><div class='pt-cv-ifield'><a href=\"https:\/\/www.dmsjuridica.com\/buscador_20179478954\/corteconstitucionalcronologico202454587\/t-065-13\/\" class=\"_self pt-cv-href-thumbnail pt-cv-thumb-default\" target=\"_self\" ><\/a>\n<div class=\"pt-cv-taxoterm above_title\"><a href='https:\/\/www.dmsjuridica.com\/buscador_20179478954\/corteconstitucionalcronologico202454587\/category\/buscar-en-toda-la-corte\/2013\/tutelas-2013\/' title='Tutelas 2013' class='pt-cv-tax-tutelas-2013'>Tutelas 2013<\/a><\/div>\n<h4 class=\"pt-cv-title\"><a href=\"https:\/\/www.dmsjuridica.com\/buscador_20179478954\/corteconstitucionalcronologico202454587\/t-065-13\/\" class=\"_self\" target=\"_self\" >T-065-13<\/a><\/h4>\n<div class=\"pt-cv-content\">Sentencia T-065\/13 \u00a0 \u00a0 ACCION DE TUTELA-Improcedencia \u00a0 para protecci\u00f3n de derechos colectivos \u00a0 \u00a0 DERECHOS E INTERESES COLECTIVOS-Juez \u00a0 debe declarar improcedente la acci\u00f3n de tutela si no se demuestra que existe \u00a0 conexidad con un derecho fundamental \u00a0 \u00a0 La Sala puede afirmar que los jueces de tutela deben \u00a0 declarar improcedentes las acciones formuladas exclusivamente para la defensa de \u00a0 intereses colectivos, si no se demuestra que existe un v\u00ednculo con un derecho \u00a0 fundamental individual, el cual no puede ser hipot\u00e9tico sino que debe estar \u00a0 realmente probado en el expediente. Esto es as\u00ed no s\u00f3lo ...<br \/><div class=\"pt-cv-rmwrap\"><a href=\"https:\/\/www.dmsjuridica.com\/buscador_20179478954\/corteconstitucionalcronologico202454587\/t-065-13\/\" class=\"_self pt-cv-readmore btn btn-success\" target=\"_self\">Ver Sentencia Completa...<\/a><\/div><\/div><\/div><\/div>\n<div class=\"col-md-12 col-sm-12 col-xs-12 pt-cv-content-item pt-cv-1-col\" ><div class='pt-cv-ifield'><a href=\"https:\/\/www.dmsjuridica.com\/buscador_20179478954\/corteconstitucionalcronologico202454587\/t-064-13\/\" class=\"_self pt-cv-href-thumbnail pt-cv-thumb-default\" target=\"_self\" ><\/a>\n<div class=\"pt-cv-taxoterm above_title\"><a href='https:\/\/www.dmsjuridica.com\/buscador_20179478954\/corteconstitucionalcronologico202454587\/category\/buscar-en-toda-la-corte\/2013\/tutelas-2013\/' title='Tutelas 2013' class='pt-cv-tax-tutelas-2013'>Tutelas 2013<\/a><\/div>\n<h4 class=\"pt-cv-title\"><a href=\"https:\/\/www.dmsjuridica.com\/buscador_20179478954\/corteconstitucionalcronologico202454587\/t-064-13\/\" class=\"_self\" target=\"_self\" >T-064-13<\/a><\/h4>\n<div class=\"pt-cv-content\">\u00a0 \u00a0 \u00a0 \u00a0 \u00a0 \u00a0T-064-13 \u00a0 \u00a0 \u00a0 \u00a0 \u00a0 \u00a0\u00a0 Sentencia \u00a0 T-064\/13 \u00a0 \u00a0 ACCION DE TUTELA PARA RECONOCIMIENTO DE PENSION DE INVALIDEZ-Procedencia \u00a0 excepcional por afectaci\u00f3n al m\u00ednimo vital y vida digna de sujetos de especial \u00a0 protecci\u00f3n \u00a0 \u00a0 La Sala de \u00a0 Revisi\u00f3n considera que ese mecanismo no es id\u00f3neo para proteger los derechos \u00a0 fundamentales del actor, pues se trata de una persona que se encuentra en una \u00a0 circunstancia de debilidad manifiesta debido a su invalidez, y adem\u00e1s, \u00a0 manifiesta que se encuentra desempleado y no cuenta con una fuente de ingresos ...<br \/><div class=\"pt-cv-rmwrap\"><a href=\"https:\/\/www.dmsjuridica.com\/buscador_20179478954\/corteconstitucionalcronologico202454587\/t-064-13\/\" class=\"_self pt-cv-readmore btn btn-success\" target=\"_self\">Ver Sentencia Completa...<\/a><\/div><\/div><\/div><\/div>\n<div class=\"col-md-12 col-sm-12 col-xs-12 pt-cv-content-item pt-cv-1-col\" ><div class='pt-cv-ifield'><a href=\"https:\/\/www.dmsjuridica.com\/buscador_20179478954\/corteconstitucionalcronologico202454587\/t-063-13\/\" class=\"_self pt-cv-href-thumbnail pt-cv-thumb-default\" target=\"_self\" ><\/a>\n<div class=\"pt-cv-taxoterm above_title\"><a href='https:\/\/www.dmsjuridica.com\/buscador_20179478954\/corteconstitucionalcronologico202454587\/category\/buscar-en-toda-la-corte\/2013\/tutelas-2013\/' title='Tutelas 2013' class='pt-cv-tax-tutelas-2013'>Tutelas 2013<\/a><\/div>\n<h4 class=\"pt-cv-title\"><a href=\"https:\/\/www.dmsjuridica.com\/buscador_20179478954\/corteconstitucionalcronologico202454587\/t-063-13\/\" class=\"_self\" target=\"_self\" >T-063-13<\/a><\/h4>\n<div class=\"pt-cv-content\">\u00a0 \u00a0 \u00a0 \u00a0 \u00a0 \u00a0T-063-13 \u00a0 \u00a0 \u00a0 \u00a0 \u00a0 \u00a0\u00a0 Sentencia T-063\/13 \u00a0 \u00a0 PRINCIPIO DE SUBSIDIARIEDAD COMO REQUISITO DE \u00a0 PROCEDIBILIDAD DE LA ACCION DE TUTELA-Reiteraci\u00f3n \u00a0 de jurisprudencia \u00a0 \u00a0 ACCION DE TUTELA PARA RECONOCIMIENTO DE PENSION DE \u00a0 VEJEZ-Procedencia excepcional cuando \u00a0 se vulneran derechos de las personas de la tercera edad \u00a0 \u00a0 La jurisprudencia de la Corte Constitucional ha se\u00f1alado que, como regla \u00a0 general, la acci\u00f3n de amparo constitucional es improcedente para obtener el \u00a0 reconocimiento y pago de derechos pensionales. No obstante, trat\u00e1ndose de \u00a0 personas de la tercera edad, la ...<br \/><div class=\"pt-cv-rmwrap\"><a href=\"https:\/\/www.dmsjuridica.com\/buscador_20179478954\/corteconstitucionalcronologico202454587\/t-063-13\/\" class=\"_self pt-cv-readmore btn btn-success\" target=\"_self\">Ver Sentencia Completa...<\/a><\/div><\/div><\/div><\/div>\n<div class=\"col-md-12 col-sm-12 col-xs-12 pt-cv-content-item pt-cv-1-col\" ><div class='pt-cv-ifield'><a href=\"https:\/\/www.dmsjuridica.com\/buscador_20179478954\/corteconstitucionalcronologico202454587\/t-062-13\/\" class=\"_self pt-cv-href-thumbnail pt-cv-thumb-default\" target=\"_self\" ><\/a>\n<div class=\"pt-cv-taxoterm above_title\"><a href='https:\/\/www.dmsjuridica.com\/buscador_20179478954\/corteconstitucionalcronologico202454587\/category\/buscar-en-toda-la-corte\/2013\/tutelas-2013\/' title='Tutelas 2013' class='pt-cv-tax-tutelas-2013'>Tutelas 2013<\/a><\/div>\n<h4 class=\"pt-cv-title\"><a href=\"https:\/\/www.dmsjuridica.com\/buscador_20179478954\/corteconstitucionalcronologico202454587\/t-062-13\/\" class=\"_self\" target=\"_self\" >T-062-13<\/a><\/h4>\n<div class=\"pt-cv-content\">\u00a0 \u00a0 \u00a0 \u00a0 \u00a0 \u00a0T-062-13 \u00a0 \u00a0 \u00a0 \u00a0 \u00a0 \u00a0\u00a0 Sentencia T-062\/13 \u00a0 \u00a0 DERECHO FUNDAMENTAL A LA TUTELA JUDICIAL EFECTIVA-Competencia de la Corte Constitucional para conocer \u00a0 \u00a0 DERECHO DE ACCESO A LA ADMINISTRACION DE JUSTICIA Y \u00a0 TUTELA JUDICIAL EFECTIVA-Reiteraci\u00f3n \u00a0 Autos 004\/04 y 100\/08 para que tutelas contra Salas de la Corte Suprema de \u00a0 Justicia sean revisadas por la Corte Constitucional \u00a0 \u00a0 ACCION DE TUTELA CONTRA PROVIDENCIAS JUDICIALES-Reiteraci\u00f3n de jurisprudencia sobre requisitos \u00a0 generales y especiales de procedibilidad \u00a0 \u00a0 La procedencia excepcional de la acci\u00f3n de tutela contra providencias judiciales \u00a0 no ...<br \/><div class=\"pt-cv-rmwrap\"><a href=\"https:\/\/www.dmsjuridica.com\/buscador_20179478954\/corteconstitucionalcronologico202454587\/t-062-13\/\" class=\"_self pt-cv-readmore btn btn-success\" target=\"_self\">Ver Sentencia Completa...<\/a><\/div><\/div><\/div><\/div>\n<div class=\"col-md-12 col-sm-12 col-xs-12 pt-cv-content-item pt-cv-1-col\" ><div class='pt-cv-ifield'><a href=\"https:\/\/www.dmsjuridica.com\/buscador_20179478954\/corteconstitucionalcronologico202454587\/t-061-13\/\" class=\"_self pt-cv-href-thumbnail pt-cv-thumb-default\" target=\"_self\" ><\/a>\n<div class=\"pt-cv-taxoterm above_title\"><a href='https:\/\/www.dmsjuridica.com\/buscador_20179478954\/corteconstitucionalcronologico202454587\/category\/buscar-en-toda-la-corte\/2013\/tutelas-2013\/' title='Tutelas 2013' class='pt-cv-tax-tutelas-2013'>Tutelas 2013<\/a><\/div>\n<h4 class=\"pt-cv-title\"><a href=\"https:\/\/www.dmsjuridica.com\/buscador_20179478954\/corteconstitucionalcronologico202454587\/t-061-13\/\" class=\"_self\" target=\"_self\" >T-061-13<\/a><\/h4>\n<div class=\"pt-cv-content\">\u00a0 \u00a0 \u00a0 \u00a0 \u00a0 \u00a0T-061-13 \u00a0 \u00a0 \u00a0 \u00a0 \u00a0 \u00a0\u00a0 Sentencia T-061\/13 \u00a0 \u00a0 PRINCIPIO DE SUBSIDIARIEDAD COMO REQUISITO DE \u00a0 PROCEDIBILIDAD DE LA ACCION DE TUTELA-Reiteraci\u00f3n \u00a0 de jurisprudencia \u00a0 \u00a0 La acci\u00f3n de tutela no es el mecanismo id\u00f3neo para \u00a0 obtener el pago de acreencias laborales, en el entendido que el art\u00edculo 86 de \u00a0 la Carta establece que dicho instrumento tiene entre sus caracter\u00edsticas la \u00a0 subsidiaridad. As\u00ed, la acci\u00f3n de tutela por \u00a0 regla general, es improcedente, salvo que el actor pruebe (i) que no existe otro \u00a0 medio de defensa judicial, o ...<br \/><div class=\"pt-cv-rmwrap\"><a href=\"https:\/\/www.dmsjuridica.com\/buscador_20179478954\/corteconstitucionalcronologico202454587\/t-061-13\/\" class=\"_self pt-cv-readmore btn btn-success\" target=\"_self\">Ver Sentencia Completa...<\/a><\/div><\/div><\/div><\/div>\n<div class=\"col-md-12 col-sm-12 col-xs-12 pt-cv-content-item pt-cv-1-col\" ><div class='pt-cv-ifield'><a href=\"https:\/\/www.dmsjuridica.com\/buscador_20179478954\/corteconstitucionalcronologico202454587\/t-060-13\/\" class=\"_self pt-cv-href-thumbnail pt-cv-thumb-default\" target=\"_self\" ><\/a>\n<div class=\"pt-cv-taxoterm above_title\"><a href='https:\/\/www.dmsjuridica.com\/buscador_20179478954\/corteconstitucionalcronologico202454587\/category\/buscar-en-toda-la-corte\/2013\/tutelas-2013\/' title='Tutelas 2013' class='pt-cv-tax-tutelas-2013'>Tutelas 2013<\/a><\/div>\n<h4 class=\"pt-cv-title\"><a href=\"https:\/\/www.dmsjuridica.com\/buscador_20179478954\/corteconstitucionalcronologico202454587\/t-060-13\/\" class=\"_self\" target=\"_self\" >T-060-13<\/a><\/h4>\n<div class=\"pt-cv-content\">\u00a0 \u00a0 \u00a0 \u00a0 \u00a0 \u00a0T-060-13 \u00a0 \u00a0 \u00a0 \u00a0 \u00a0 \u00a0\u00a0 Sentencia T-060\/13 \u00a0 \u00a0 (Bogot\u00e1, D.C., febrero 07) \u00a0 \u00a0 ACCION DE TUTELA PARA OBTENER REINTEGRO LABORAL Y SUS \u00a0 EXCEPCIONES-Improcedencia general \u00a0 \u00a0 La Corte ha se\u00f1alado que en principio la \u00a0 acci\u00f3n de tutela no es el medio id\u00f3neo para controvertir las actuaciones \u00a0 administrativas o laborales, puesto que para ello est\u00e1n previstas las acciones \u00a0 ante la jurisdicci\u00f3n de lo contencioso administrativo o la laboral, seg\u00fan sea el \u00a0 caso. De esa manera el amparo constitucional solo cabr\u00eda como mecanismo \u00a0 transitorio de protecci\u00f3n de ...<br \/><div class=\"pt-cv-rmwrap\"><a href=\"https:\/\/www.dmsjuridica.com\/buscador_20179478954\/corteconstitucionalcronologico202454587\/t-060-13\/\" class=\"_self pt-cv-readmore btn btn-success\" target=\"_self\">Ver Sentencia Completa...<\/a><\/div><\/div><\/div><\/div>\n<div class=\"col-md-12 col-sm-12 col-xs-12 pt-cv-content-item pt-cv-1-col\" ><div class='pt-cv-ifield'><a href=\"https:\/\/www.dmsjuridica.com\/buscador_20179478954\/corteconstitucionalcronologico202454587\/t-058-13\/\" class=\"_self pt-cv-href-thumbnail pt-cv-thumb-default\" target=\"_self\" ><\/a>\n<div class=\"pt-cv-taxoterm above_title\"><a href='https:\/\/www.dmsjuridica.com\/buscador_20179478954\/corteconstitucionalcronologico202454587\/category\/buscar-en-toda-la-corte\/2013\/tutelas-2013\/' title='Tutelas 2013' class='pt-cv-tax-tutelas-2013'>Tutelas 2013<\/a><\/div>\n<h4 class=\"pt-cv-title\"><a href=\"https:\/\/www.dmsjuridica.com\/buscador_20179478954\/corteconstitucionalcronologico202454587\/t-058-13\/\" class=\"_self\" target=\"_self\" >T-058-13<\/a><\/h4>\n<div class=\"pt-cv-content\">\u00a0 \u00a0 \u00a0 \u00a0 \u00a0 \u00a0T-058-13 \u00a0 \u00a0 \u00a0 \u00a0 \u00a0 \u00a0\u00a0 Sentencia T-058\/13 \u00a0 \u00a0 Para declarar la configuraci\u00f3n de la temeridad el juez \u00a0 constitucional debe verificar el cumplimiento de tres requisitos determinantes: \u00a0 (i) que exista identidad en los procesos, lo cual significa que el proceso \u00a0 fallado con antelaci\u00f3n y el proceso propuesto al juez tienen una \u201ctriple \u00a0 identidad\u201d, esto es, en ambos se identifican las mismas partes, la misma \u00a0 solicitud y las mismas razones de dicha solicitud; (ii) que el caso no sea un \u00a0 caso excepcional expl\u00edcitamente determinado por la ley o ...<br \/><div class=\"pt-cv-rmwrap\"><a href=\"https:\/\/www.dmsjuridica.com\/buscador_20179478954\/corteconstitucionalcronologico202454587\/t-058-13\/\" class=\"_self pt-cv-readmore btn btn-success\" target=\"_self\">Ver Sentencia Completa...<\/a><\/div><\/div><\/div><\/div>\n<div class=\"col-md-12 col-sm-12 col-xs-12 pt-cv-content-item pt-cv-1-col\" ><div class='pt-cv-ifield'><a href=\"https:\/\/www.dmsjuridica.com\/buscador_20179478954\/corteconstitucionalcronologico202454587\/t-057-13\/\" class=\"_self pt-cv-href-thumbnail pt-cv-thumb-default\" target=\"_self\" ><\/a>\n<div class=\"pt-cv-taxoterm above_title\"><a href='https:\/\/www.dmsjuridica.com\/buscador_20179478954\/corteconstitucionalcronologico202454587\/category\/buscar-en-toda-la-corte\/2013\/tutelas-2013\/' title='Tutelas 2013' class='pt-cv-tax-tutelas-2013'>Tutelas 2013<\/a><\/div>\n<h4 class=\"pt-cv-title\"><a href=\"https:\/\/www.dmsjuridica.com\/buscador_20179478954\/corteconstitucionalcronologico202454587\/t-057-13\/\" class=\"_self\" target=\"_self\" >T-057-13<\/a><\/h4>\n<div class=\"pt-cv-content\">\u00a0 \u00a0 \u00a0 \u00a0 \u00a0 \u00a0T-057-13 \u00a0 \u00a0 \u00a0 \u00a0 \u00a0 \u00a0\u00a0 Sentencia T-057\/13 \u00a0 \u00a0 DERECHO A LA \u00a0 SALUD DE PERSONA DE LA TERCERA EDAD-Protecci\u00f3n reforzada que se materializa \u00a0 en una prestaci\u00f3n continua, permanente y eficiente \u00a0 \u00a0 La Corte ha concluido que los \u00a0 adultos mayores necesitan una protecci\u00f3n preferente en vista de las especiales \u00a0 condiciones en que se encuentran y que es por ello que el Estado tiene el deber \u00a0 de garantizarles una atenci\u00f3n integral en salud. La protecci\u00f3n del derecho a la \u00a0 salud de los adultos mayores se hace relevante en ...<br \/><div class=\"pt-cv-rmwrap\"><a href=\"https:\/\/www.dmsjuridica.com\/buscador_20179478954\/corteconstitucionalcronologico202454587\/t-057-13\/\" class=\"_self pt-cv-readmore btn btn-success\" target=\"_self\">Ver Sentencia Completa...<\/a><\/div><\/div><\/div><\/div>\n<div class=\"col-md-12 col-sm-12 col-xs-12 pt-cv-content-item pt-cv-1-col\" ><div class='pt-cv-ifield'><a href=\"https:\/\/www.dmsjuridica.com\/buscador_20179478954\/corteconstitucionalcronologico202454587\/t-056-13\/\" class=\"_self pt-cv-href-thumbnail pt-cv-thumb-default\" target=\"_self\" ><\/a>\n<div class=\"pt-cv-taxoterm above_title\"><a href='https:\/\/www.dmsjuridica.com\/buscador_20179478954\/corteconstitucionalcronologico202454587\/category\/buscar-en-toda-la-corte\/2013\/tutelas-2013\/' title='Tutelas 2013' class='pt-cv-tax-tutelas-2013'>Tutelas 2013<\/a><\/div>\n<h4 class=\"pt-cv-title\"><a href=\"https:\/\/www.dmsjuridica.com\/buscador_20179478954\/corteconstitucionalcronologico202454587\/t-056-13\/\" class=\"_self\" target=\"_self\" >T-056-13<\/a><\/h4>\n<div class=\"pt-cv-content\">\u00a0 \u00a0 \u00a0 \u00a0 \u00a0 \u00a0T-056-13 \u00a0 \u00a0 \u00a0 \u00a0 \u00a0 \u00a0\u00a0 Sentencia T-056\/13 \u00a0 \u00a0 DERECHO \u00a0 FUNDAMENTAL A LA SEGURIDAD SOCIAL Y PROTECCION POR MEDIO DE ACCION DE TUTELA-Reiteraci\u00f3n \u00a0 de jurisprudencia \u00a0 \u00a0 ACCION DE \u00a0 TUTELA PARA RECONOCIMIENTO DE PENSION DE SOBREVIVIENTES-Reiteraci\u00f3n de \u00a0 jurisprudencia sobre procedencia excepcional \u00a0 \u00a0 PENSION DE \u00a0 SOBREVIVIENTES-Improcedencia de reconocimiento por cuanto el esposo \u00a0 fallecido no ten\u00eda la calidad de pensionado y no cumpli\u00f3 con el requisito de las \u00a0 50 semanas cotizadas dentro de los 3 a\u00f1os anteriores al fallecimiento \u00a0 \u00a0 Referencia: \u00a0 expediente T.-3.385.227 \u00a0 \u00a0 ...<br \/><div class=\"pt-cv-rmwrap\"><a href=\"https:\/\/www.dmsjuridica.com\/buscador_20179478954\/corteconstitucionalcronologico202454587\/t-056-13\/\" class=\"_self pt-cv-readmore btn btn-success\" target=\"_self\">Ver Sentencia Completa...<\/a><\/div><\/div><\/div><\/div>\n<div class=\"col-md-12 col-sm-12 col-xs-12 pt-cv-content-item pt-cv-1-col\" ><div class='pt-cv-ifield'><a href=\"https:\/\/www.dmsjuridica.com\/buscador_20179478954\/corteconstitucionalcronologico202454587\/t-052-13\/\" class=\"_self pt-cv-href-thumbnail pt-cv-thumb-default\" target=\"_self\" ><\/a>\n<div class=\"pt-cv-taxoterm above_title\"><a href='https:\/\/www.dmsjuridica.com\/buscador_20179478954\/corteconstitucionalcronologico202454587\/category\/buscar-en-toda-la-corte\/2013\/tutelas-2013\/' title='Tutelas 2013' class='pt-cv-tax-tutelas-2013'>Tutelas 2013<\/a><\/div>\n<h4 class=\"pt-cv-title\"><a href=\"https:\/\/www.dmsjuridica.com\/buscador_20179478954\/corteconstitucionalcronologico202454587\/t-052-13\/\" class=\"_self\" target=\"_self\" >T-052-13<\/a><\/h4>\n<div class=\"pt-cv-content\">\u00a0 \u00a0 \u00a0 \u00a0 \u00a0 \u00a0T-052-13 \u00a0 \u00a0 \u00a0 \u00a0 \u00a0 \u00a0\u00a0 Sentencia T-052\/13 \u00a0 \u00a0 ACCION DE TUTELA PARA RELIQUIDACION DE PENSIONES-Improcedencia por no cumplir con los criterios \u00a0 jurisprudenciales para la procedencia excepcional \u00a0 \u00a0 Referencia: \u00a0 expediente T- 3630898 \u00a0 \u00a0 Acci\u00f3n de tutela instaurada por Nora Evellyn Clara \u00a0 Constanza R\u00edos Ram\u00edrez, contra la Caja Nacional de Previsi\u00f3n Social, EICE. \u00a0 \u00a0 \u00a0 Procedencia: \u00a0Juzgado Segundo Penal del Circuito de Cartago, Valle del Cauca. \u00a0 \u00a0 Magistrado ponente: Nilson Pinilla Pinilla \u00a0 \u00a0 Bogot\u00e1, D. \u00a0 C., cinco (5) de febrero de dos mil trece (2013) ...<br \/><div class=\"pt-cv-rmwrap\"><a href=\"https:\/\/www.dmsjuridica.com\/buscador_20179478954\/corteconstitucionalcronologico202454587\/t-052-13\/\" class=\"_self pt-cv-readmore btn btn-success\" target=\"_self\">Ver Sentencia Completa...<\/a><\/div><\/div><\/div><\/div>\n<div class=\"col-md-12 col-sm-12 col-xs-12 pt-cv-content-item pt-cv-1-col\" ><div class='pt-cv-ifield'><a href=\"https:\/\/www.dmsjuridica.com\/buscador_20179478954\/corteconstitucionalcronologico202454587\/t-051-13\/\" class=\"_self pt-cv-href-thumbnail pt-cv-thumb-default\" target=\"_self\" ><\/a>\n<div class=\"pt-cv-taxoterm above_title\"><a href='https:\/\/www.dmsjuridica.com\/buscador_20179478954\/corteconstitucionalcronologico202454587\/category\/buscar-en-toda-la-corte\/2013\/tutelas-2013\/' title='Tutelas 2013' class='pt-cv-tax-tutelas-2013'>Tutelas 2013<\/a><\/div>\n<h4 class=\"pt-cv-title\"><a href=\"https:\/\/www.dmsjuridica.com\/buscador_20179478954\/corteconstitucionalcronologico202454587\/t-051-13\/\" class=\"_self\" target=\"_self\" >T-051-13<\/a><\/h4>\n<div class=\"pt-cv-content\">\u00a0 \u00a0 \u00a0 \u00a0 \u00a0 \u00a0T-051-13 \u00a0 \u00a0 \u00a0 \u00a0 \u00a0 \u00a0\u00a0 Sentencia T-051\/13 \u00a0 \u00a0 ACCION DE TUTELA PARA INDEXACION DE LA PRIMERA MESADA \u00a0 PENSIONAL-Reiteraci\u00f3n de \u00a0 jurisprudencia sobre requisitos y condiciones necesarias para su procedencia \u00a0 \u00a0 Respecto de la procedencia de la acci\u00f3n de tutela \u00a0 frente a la petici\u00f3n concreta de indexar la primera mesada pensional, esta \u00a0 corporaci\u00f3n ha fijado determinadas condiciones que deben observarse, as\u00ed: a. Que el interesado haya adquirido la calidad \u00a0 de pensionado; b) que haya agotado la actuaci\u00f3n en sede gubernativa, mediante el \u00a0 uso de los recursos y ...<br \/><div class=\"pt-cv-rmwrap\"><a href=\"https:\/\/www.dmsjuridica.com\/buscador_20179478954\/corteconstitucionalcronologico202454587\/t-051-13\/\" class=\"_self pt-cv-readmore btn btn-success\" target=\"_self\">Ver Sentencia Completa...<\/a><\/div><\/div><\/div><\/div>\n<div class=\"col-md-12 col-sm-12 col-xs-12 pt-cv-content-item pt-cv-1-col\" ><div class='pt-cv-ifield'><a href=\"https:\/\/www.dmsjuridica.com\/buscador_20179478954\/corteconstitucionalcronologico202454587\/t-050-13\/\" class=\"_self pt-cv-href-thumbnail pt-cv-thumb-default\" target=\"_self\" ><\/a>\n<div class=\"pt-cv-taxoterm above_title\"><a href='https:\/\/www.dmsjuridica.com\/buscador_20179478954\/corteconstitucionalcronologico202454587\/category\/buscar-en-toda-la-corte\/2013\/tutelas-2013\/' title='Tutelas 2013' class='pt-cv-tax-tutelas-2013'>Tutelas 2013<\/a><\/div>\n<h4 class=\"pt-cv-title\"><a href=\"https:\/\/www.dmsjuridica.com\/buscador_20179478954\/corteconstitucionalcronologico202454587\/t-050-13\/\" class=\"_self\" target=\"_self\" >T-050-13<\/a><\/h4>\n<div class=\"pt-cv-content\">\u00a0 \u00a0 \u00a0 \u00a0 \u00a0 \u00a0T-050-13 \u00a0 \u00a0 \u00a0 \u00a0 \u00a0 \u00a0\u00a0 Sentencia T-050\/13 \u00a0 \u00a0 DEBIDO PROCESO ADMINISTRATIVO EN PROCESO DE ELECCION DE \u00a0 AUTORIDADES UNIVERSITARIAS-Procedencia \u00a0 excepcional de la acci\u00f3n de tutela en proceso de elecci\u00f3n de Rector en entidad \u00a0 universitaria aut\u00f3noma \u00a0 \u00a0 Para determinar la procedencia de la acci\u00f3n de tutela contra actos \u00a0 administrativos proferidos en el curso de un proceso de designaci\u00f3n de las \u00a0 autoridades de entes universitarios aut\u00f3nomos p\u00fablicos, es preciso que: (i) la \u00a0 vulneraci\u00f3n del derecho fundamental que se invoca, tenga origen en un acto \u00a0 administrativo de tr\u00e1mite, ...<br \/><div class=\"pt-cv-rmwrap\"><a href=\"https:\/\/www.dmsjuridica.com\/buscador_20179478954\/corteconstitucionalcronologico202454587\/t-050-13\/\" class=\"_self pt-cv-readmore btn btn-success\" target=\"_self\">Ver Sentencia Completa...<\/a><\/div><\/div><\/div><\/div>\n<div class=\"col-md-12 col-sm-12 col-xs-12 pt-cv-content-item pt-cv-1-col\" ><div class='pt-cv-ifield'><a href=\"https:\/\/www.dmsjuridica.com\/buscador_20179478954\/corteconstitucionalcronologico202454587\/t-049-13\/\" class=\"_self pt-cv-href-thumbnail pt-cv-thumb-default\" target=\"_self\" ><\/a>\n<div class=\"pt-cv-taxoterm above_title\"><a href='https:\/\/www.dmsjuridica.com\/buscador_20179478954\/corteconstitucionalcronologico202454587\/category\/buscar-en-toda-la-corte\/2013\/tutelas-2013\/' title='Tutelas 2013' class='pt-cv-tax-tutelas-2013'>Tutelas 2013<\/a><\/div>\n<h4 class=\"pt-cv-title\"><a href=\"https:\/\/www.dmsjuridica.com\/buscador_20179478954\/corteconstitucionalcronologico202454587\/t-049-13\/\" class=\"_self\" target=\"_self\" >T-049-13<\/a><\/h4>\n<div class=\"pt-cv-content\">\u00a0 \u00a0 \u00a0 \u00a0 \u00a0 \u00a0T-049-13 \u00a0 \u00a0 \u00a0 \u00a0 \u00a0 \u00a0\u00a0 Sentencia \u00a0 T-049\/13 \u00a0 \u00a0 COMUNIDADES INDIGENAS COMO SUJETOS DE ESPECIAL PROTECCION CONSTITUCIONAL Y \u00a0 TITULARES DE DERECHOS FUNDAMENTALES-Reiteraci\u00f3n de jurisprudencia \u00a0 \u00a0 COMUNIDADES INDIGENAS-Legitimaci\u00f3n \u00a0 por activa en los casos que reclaman protecci\u00f3n de sus derechos fundamentales \u00a0 por medio de acci\u00f3n de tutela \u00a0 \u00a0 La jurisprudencia de esta Corte ha \u00a0 reconocido no solo el estatus de sujetos colectivos de derechos fundamentales a \u00a0 las comunidades \u00e9tnicas, sino que adicionalmente ha establecido que tanto los \u00a0 dirigentes como los miembros individuales de estas comunidades se ...<br \/><div class=\"pt-cv-rmwrap\"><a href=\"https:\/\/www.dmsjuridica.com\/buscador_20179478954\/corteconstitucionalcronologico202454587\/t-049-13\/\" class=\"_self pt-cv-readmore btn btn-success\" target=\"_self\">Ver Sentencia Completa...<\/a><\/div><\/div><\/div><\/div>\n<div class=\"col-md-12 col-sm-12 col-xs-12 pt-cv-content-item pt-cv-1-col\" ><div class='pt-cv-ifield'><a href=\"https:\/\/www.dmsjuridica.com\/buscador_20179478954\/corteconstitucionalcronologico202454587\/t-048-13\/\" class=\"_self pt-cv-href-thumbnail pt-cv-thumb-default\" target=\"_self\" ><\/a>\n<div class=\"pt-cv-taxoterm above_title\"><a href='https:\/\/www.dmsjuridica.com\/buscador_20179478954\/corteconstitucionalcronologico202454587\/category\/buscar-en-toda-la-corte\/2013\/tutelas-2013\/' title='Tutelas 2013' class='pt-cv-tax-tutelas-2013'>Tutelas 2013<\/a><\/div>\n<h4 class=\"pt-cv-title\"><a href=\"https:\/\/www.dmsjuridica.com\/buscador_20179478954\/corteconstitucionalcronologico202454587\/t-048-13\/\" class=\"_self\" target=\"_self\" >T-048-13<\/a><\/h4>\n<div class=\"pt-cv-content\">\u00a0 \u00a0 \u00a0 \u00a0 \u00a0 \u00a0T-048-13 \u00a0 \u00a0 \u00a0 \u00a0 \u00a0 \u00a0\u00a0 Sentencia T-048\/13 \u00a0 \u00a0 ACCION DE TUTELA PARA CONTROVERTIR ACTO ADMINISTRATIVO \u00a0 QUE ORDENA UN TRASLADO-Procedencia \u00a0 \u00a0 A\u00fan cuando existan otros mecanismos de protecci\u00f3n, el \u00a0 juez puede avocar el conocimiento de la acci\u00f3n de tutela para su estudio, \u00a0 cuando, a partir de los hechos probados, pueda evidenciar un evento que amenaza \u00a0 o viola en forma irremediable y grave los derechos del trabajador o de su n\u00facleo \u00a0 familiar, de acuerdo con las subreglas atr\u00e1s indicadas, evento en el cual el \u00a0 amparo procede como ...<br \/><div class=\"pt-cv-rmwrap\"><a href=\"https:\/\/www.dmsjuridica.com\/buscador_20179478954\/corteconstitucionalcronologico202454587\/t-048-13\/\" class=\"_self pt-cv-readmore btn btn-success\" target=\"_self\">Ver Sentencia Completa...<\/a><\/div><\/div><\/div><\/div>\n<div class=\"col-md-12 col-sm-12 col-xs-12 pt-cv-content-item pt-cv-1-col\" ><div class='pt-cv-ifield'><a href=\"https:\/\/www.dmsjuridica.com\/buscador_20179478954\/corteconstitucionalcronologico202454587\/t-047-13\/\" class=\"_self pt-cv-href-thumbnail pt-cv-thumb-default\" target=\"_self\" ><\/a>\n<div class=\"pt-cv-taxoterm above_title\"><a href='https:\/\/www.dmsjuridica.com\/buscador_20179478954\/corteconstitucionalcronologico202454587\/category\/buscar-en-toda-la-corte\/2013\/tutelas-2013\/' title='Tutelas 2013' class='pt-cv-tax-tutelas-2013'>Tutelas 2013<\/a><\/div>\n<h4 class=\"pt-cv-title\"><a href=\"https:\/\/www.dmsjuridica.com\/buscador_20179478954\/corteconstitucionalcronologico202454587\/t-047-13\/\" class=\"_self\" target=\"_self\" >T-047-13<\/a><\/h4>\n<div class=\"pt-cv-content\">\u00a0 \u00a0 \u00a0 \u00a0 \u00a0 \u00a0T-047-13 \u00a0 \u00a0 \u00a0 \u00a0 \u00a0 \u00a0\u00a0 Sentencia T-047\/13 \u00a0 \u00a0 ACCION DE TUTELA PARA RECONOCIMIENTO DE PENSION DE \u00a0 SOBREVIVIENTES-Procedencia excepcional \u00a0 cuando afecta derechos fundamentales \u00a0 \u00a0 La jurisprudencia de esta Corporaci\u00f3n ha definido que \u00a0 en principio la tutela no es el medio judicial apropiado para resolver de fondo \u00a0 conflictos de naturaleza laboral, no obstante, esta regla que desarrolla el \u00a0 principio de subsidiariedad no es absoluta, ya que, si bien en principio no \u00a0 procede la tutela para solucionar este tipo de controversias, excepcionalmente y \u00a0 con car\u00e1cter extraordinario \u00e9sta ...<br \/><div class=\"pt-cv-rmwrap\"><a href=\"https:\/\/www.dmsjuridica.com\/buscador_20179478954\/corteconstitucionalcronologico202454587\/t-047-13\/\" class=\"_self pt-cv-readmore btn btn-success\" target=\"_self\">Ver Sentencia Completa...<\/a><\/div><\/div><\/div><\/div>\n<div class=\"col-md-12 col-sm-12 col-xs-12 pt-cv-content-item pt-cv-1-col\" ><div class='pt-cv-ifield'><a href=\"https:\/\/www.dmsjuridica.com\/buscador_20179478954\/corteconstitucionalcronologico202454587\/t-046-13\/\" class=\"_self pt-cv-href-thumbnail pt-cv-thumb-default\" target=\"_self\" ><\/a>\n<div class=\"pt-cv-taxoterm above_title\"><a href='https:\/\/www.dmsjuridica.com\/buscador_20179478954\/corteconstitucionalcronologico202454587\/category\/buscar-en-toda-la-corte\/2013\/tutelas-2013\/' title='Tutelas 2013' class='pt-cv-tax-tutelas-2013'>Tutelas 2013<\/a><\/div>\n<h4 class=\"pt-cv-title\"><a href=\"https:\/\/www.dmsjuridica.com\/buscador_20179478954\/corteconstitucionalcronologico202454587\/t-046-13\/\" class=\"_self\" target=\"_self\" >T-046-13<\/a><\/h4>\n<div class=\"pt-cv-content\">\u00a0 \u00a0 \u00a0 \u00a0 \u00a0 \u00a0T-046-13 \u00a0 \u00a0 \u00a0 \u00a0 \u00a0 \u00a0\u00a0 Sentencia T-046\/13 \u00a0 \u00a0 ACCION DE \u00a0 TUTELA TEMERARIA-Requisitos para que se configure \u00a0 \u00a0 Esta corporaci\u00f3n se ha pronunciado, reiteradamente, sobre \u00a0 las actuaciones temerarias en ejercicio de la acci\u00f3n de tutela y al respecto ha \u00a0 se\u00f1alado los supuestos que deben verificarse para su tipificaci\u00f3n. Al efecto \u00a0 tienen que concurrir tres elementos: (i) una identidad en el objeto, es decir, \u00a0 que \u201clas demandas busquen la satisfacci\u00f3n de una misma pretensi\u00f3n \u00a0 tutelar o sobre todo el amparo de un mismo derecho fundamental\u201d; (ii) una ...<br \/><div class=\"pt-cv-rmwrap\"><a href=\"https:\/\/www.dmsjuridica.com\/buscador_20179478954\/corteconstitucionalcronologico202454587\/t-046-13\/\" class=\"_self pt-cv-readmore btn btn-success\" target=\"_self\">Ver Sentencia Completa...<\/a><\/div><\/div><\/div><\/div>\n<div class=\"col-md-12 col-sm-12 col-xs-12 pt-cv-content-item pt-cv-1-col\" ><div class='pt-cv-ifield'><a href=\"https:\/\/www.dmsjuridica.com\/buscador_20179478954\/corteconstitucionalcronologico202454587\/t-045-13\/\" class=\"_self pt-cv-href-thumbnail pt-cv-thumb-default\" target=\"_self\" ><\/a>\n<div class=\"pt-cv-taxoterm above_title\"><a href='https:\/\/www.dmsjuridica.com\/buscador_20179478954\/corteconstitucionalcronologico202454587\/category\/buscar-en-toda-la-corte\/2013\/tutelas-2013\/' title='Tutelas 2013' class='pt-cv-tax-tutelas-2013'>Tutelas 2013<\/a><\/div>\n<h4 class=\"pt-cv-title\"><a href=\"https:\/\/www.dmsjuridica.com\/buscador_20179478954\/corteconstitucionalcronologico202454587\/t-045-13\/\" class=\"_self\" target=\"_self\" >T-045-13<\/a><\/h4>\n<div class=\"pt-cv-content\">\u00a0 \u00a0 \u00a0 \u00a0 \u00a0 \u00a0T-045-13 \u00a0 \u00a0 \u00a0 \u00a0 \u00a0 \u00a0\u00a0 Sentencia T-045\/13 \u00a0 \u00a0 HIJOS MAYORES \u00a0 DE 18 A\u00d1OS CON INCAPACIDAD PERMANENTE-Cobertura en salud \u00a0 \u00a0 El Sistema de Seguridad Social en Salud, que interesa a \u00a0 esta causa, adem\u00e1s de regular la prestaci\u00f3n del servicio p\u00fablico esencial de \u00a0 salud, tiene como objetivo velar por el acceso de toda la poblaci\u00f3n a dicho \u00a0 servicio, a la luz de los principios de universalidad, igualdad, solidaridad, \u00a0 calidad, equidad, participaci\u00f3n social y obligatoriedad, entre otros. De esta \u00a0 manera, se se\u00f1ala todo lo relacionado con la participaci\u00f3n ...<br \/><div class=\"pt-cv-rmwrap\"><a href=\"https:\/\/www.dmsjuridica.com\/buscador_20179478954\/corteconstitucionalcronologico202454587\/t-045-13\/\" class=\"_self pt-cv-readmore btn btn-success\" target=\"_self\">Ver Sentencia Completa...<\/a><\/div><\/div><\/div><\/div>\n<div class=\"col-md-12 col-sm-12 col-xs-12 pt-cv-content-item pt-cv-1-col\" ><div class='pt-cv-ifield'><a href=\"https:\/\/www.dmsjuridica.com\/buscador_20179478954\/corteconstitucionalcronologico202454587\/t-044-13\/\" class=\"_self pt-cv-href-thumbnail pt-cv-thumb-default\" target=\"_self\" ><\/a>\n<div class=\"pt-cv-taxoterm above_title\"><a href='https:\/\/www.dmsjuridica.com\/buscador_20179478954\/corteconstitucionalcronologico202454587\/category\/buscar-en-toda-la-corte\/2013\/tutelas-2013\/' title='Tutelas 2013' class='pt-cv-tax-tutelas-2013'>Tutelas 2013<\/a><\/div>\n<h4 class=\"pt-cv-title\"><a href=\"https:\/\/www.dmsjuridica.com\/buscador_20179478954\/corteconstitucionalcronologico202454587\/t-044-13\/\" class=\"_self\" target=\"_self\" >T-044-13<\/a><\/h4>\n<div class=\"pt-cv-content\">\u00a0 \u00a0 \u00a0 \u00a0 \u00a0 \u00a0T-044-13 \u00a0 \u00a0 \u00a0 \u00a0 \u00a0 \u00a0\u00a0 Sentencia T-044\/13 \u00a0 \u00a0 ACCION DE \u00a0 TUTELA CONTRA PROVIDENCIAS JUDICIALES-Requisitos generales y especiales de \u00a0 procedibilidad \u00a0 \u00a0 DEFECTO \u00a0 FACTICO-Dimensi\u00f3n negativa y positiva \u00a0 \u00a0 El \u00a0 tribunal constitucional ha se\u00f1alado que el defecto f\u00e1ctico se puede presentar en \u00a0 una dimensi\u00f3n negativa y en una positiva. Respecto a la primera tipolog\u00eda, es de \u00a0 mencionar que comprende las fallas protuberantes en la valoraci\u00f3n de las pruebas \u00a0 concluyentes, esto es, que identifican la veracidad de los hechos analizados por \u00a0 el juez. Dentro de este ...<br \/><div class=\"pt-cv-rmwrap\"><a href=\"https:\/\/www.dmsjuridica.com\/buscador_20179478954\/corteconstitucionalcronologico202454587\/t-044-13\/\" class=\"_self pt-cv-readmore btn btn-success\" target=\"_self\">Ver Sentencia Completa...<\/a><\/div><\/div><\/div><\/div>\n<div class=\"col-md-12 col-sm-12 col-xs-12 pt-cv-content-item pt-cv-1-col\" ><div class='pt-cv-ifield'><a href=\"https:\/\/www.dmsjuridica.com\/buscador_20179478954\/corteconstitucionalcronologico202454587\/t-042-13\/\" class=\"_self pt-cv-href-thumbnail pt-cv-thumb-default\" target=\"_self\" ><\/a>\n<div class=\"pt-cv-taxoterm above_title\"><a href='https:\/\/www.dmsjuridica.com\/buscador_20179478954\/corteconstitucionalcronologico202454587\/category\/buscar-en-toda-la-corte\/2013\/tutelas-2013\/' title='Tutelas 2013' class='pt-cv-tax-tutelas-2013'>Tutelas 2013<\/a><\/div>\n<h4 class=\"pt-cv-title\"><a href=\"https:\/\/www.dmsjuridica.com\/buscador_20179478954\/corteconstitucionalcronologico202454587\/t-042-13\/\" class=\"_self\" target=\"_self\" >T-042-13<\/a><\/h4>\n<div class=\"pt-cv-content\">\u00a0 \u00a0 \u00a0 \u00a0 \u00a0 \u00a0T-042-13 \u00a0 \u00a0 \u00a0 \u00a0 \u00a0 \u00a0\u00a0 Sentencia T-042\/13 \u00a0 \u00a0 (Bogot\u00e1 D.C., enero 28) \u00a0 \u00a0 PRINCIPIO DE \u00a0 SUBSDIDIARIEDAD EN MATERIA DE SALUD-Mecanismo jurisdiccional \u00a0 que se ejerce ante la Superintendencia de Salud no ha sido reglamentado y por \u00a0 tanto, no es id\u00f3neo y eficaz para la defensa de los derechos de los usuarios \u00a0 \u00a0 MEDICAMENTOS EXCLUIDOS DEL POS Y QUE NO TIENEN REGISTRO \u00a0 SANITARIO DEL INVIMA-Jurisprudencia constitucional \u00a0 \u00a0 Cuando el m\u00e9dico tratante prescribe un \u00a0 medicamento excluido del POS, se debe seguir el procedimiento establecido en la \u00a0 ...<br \/><div class=\"pt-cv-rmwrap\"><a href=\"https:\/\/www.dmsjuridica.com\/buscador_20179478954\/corteconstitucionalcronologico202454587\/t-042-13\/\" class=\"_self pt-cv-readmore btn btn-success\" target=\"_self\">Ver Sentencia Completa...<\/a><\/div><\/div><\/div><\/div>\n<div class=\"col-md-12 col-sm-12 col-xs-12 pt-cv-content-item pt-cv-1-col\" ><div class='pt-cv-ifield'><a href=\"https:\/\/www.dmsjuridica.com\/buscador_20179478954\/corteconstitucionalcronologico202454587\/t-040-13\/\" class=\"_self pt-cv-href-thumbnail pt-cv-thumb-default\" target=\"_self\" ><\/a>\n<div class=\"pt-cv-taxoterm above_title\"><a href='https:\/\/www.dmsjuridica.com\/buscador_20179478954\/corteconstitucionalcronologico202454587\/category\/buscar-en-toda-la-corte\/2013\/tutelas-2013\/' title='Tutelas 2013' class='pt-cv-tax-tutelas-2013'>Tutelas 2013<\/a><\/div>\n<h4 class=\"pt-cv-title\"><a href=\"https:\/\/www.dmsjuridica.com\/buscador_20179478954\/corteconstitucionalcronologico202454587\/t-040-13\/\" class=\"_self\" target=\"_self\" >T-040-13<\/a><\/h4>\n<div class=\"pt-cv-content\">\u00a0 \u00a0 \u00a0 \u00a0 \u00a0 \u00a0T-040-13 \u00a0 \u00a0 \u00a0 \u00a0 \u00a0 \u00a0\u00a0 DERECHOS DE LIBERTAD DE EXPRESION Y DE INFORMACION-Diferencias \u00a0 \u00a0 La Sala considera necesario resaltar algunas \u00a0 caracter\u00edsticas y cualidades de la libertad de informaci\u00f3n. Se diferencia de la \u00a0 libertad de expresi\u00f3n en sentido estricto en que \u00e9sta protege la transmisi\u00f3n de \u00a0 todo tipo de pensamientos, opiniones, ideas e informaciones personales de quien \u00a0 se expresa, mientras que la libertad de informaci\u00f3n protege la comunicaci\u00f3n de \u00a0 versiones sobre hechos, eventos, acontecimientos, gobiernos, funcionarios,\u00a0 \u00a0 personas, grupos y en general situaciones, en aras de que el ...<br \/><div class=\"pt-cv-rmwrap\"><a href=\"https:\/\/www.dmsjuridica.com\/buscador_20179478954\/corteconstitucionalcronologico202454587\/t-040-13\/\" class=\"_self pt-cv-readmore btn btn-success\" target=\"_self\">Ver Sentencia Completa...<\/a><\/div><\/div><\/div><\/div>\n<div class=\"col-md-12 col-sm-12 col-xs-12 pt-cv-content-item pt-cv-1-col\" ><div class='pt-cv-ifield'><a href=\"https:\/\/www.dmsjuridica.com\/buscador_20179478954\/corteconstitucionalcronologico202454587\/t-039-13\/\" class=\"_self pt-cv-href-thumbnail pt-cv-thumb-default\" target=\"_self\" ><\/a>\n<div class=\"pt-cv-taxoterm above_title\"><a href='https:\/\/www.dmsjuridica.com\/buscador_20179478954\/corteconstitucionalcronologico202454587\/category\/buscar-en-toda-la-corte\/2013\/tutelas-2013\/' title='Tutelas 2013' class='pt-cv-tax-tutelas-2013'>Tutelas 2013<\/a><\/div>\n<h4 class=\"pt-cv-title\"><a href=\"https:\/\/www.dmsjuridica.com\/buscador_20179478954\/corteconstitucionalcronologico202454587\/t-039-13\/\" class=\"_self\" target=\"_self\" >T-039-13<\/a><\/h4>\n<div class=\"pt-cv-content\">\u00a0 \u00a0 \u00a0 \u00a0 \u00a0 \u00a0T-039-13 \u00a0 \u00a0 \u00a0 \u00a0 \u00a0 \u00a0\u00a0 Sentencia T-039\/13 \u00a0 \u00a0 LEGITIMACION \u00a0 EN LA CAUSA POR ACTIVA Y AGENCIA OFICIOSA EN LA ACCION DE TUTELA-Requisitos \u00a0 \u00a0 El art\u00edculo 10 del Decreto 2591 \u00a0 de 1991 indic\u00f3 que la acci\u00f3n de tutela puede ser ejercida directamente \u00a0 por la persona afectada o por medio de un representante, caso en el cual, los \u00a0 poderes se presumir\u00e1n aut\u00e9nticos. A su vez, el inciso segundo de esta \u00a0 disposici\u00f3n establece la posibilidad de ejercer la acci\u00f3n de tutela a \u00a0 trav\u00e9s de la agencia oficiosa, cuando ...<br \/><div class=\"pt-cv-rmwrap\"><a href=\"https:\/\/www.dmsjuridica.com\/buscador_20179478954\/corteconstitucionalcronologico202454587\/t-039-13\/\" class=\"_self pt-cv-readmore btn btn-success\" target=\"_self\">Ver Sentencia Completa...<\/a><\/div><\/div><\/div><\/div>\n<div class=\"col-md-12 col-sm-12 col-xs-12 pt-cv-content-item pt-cv-1-col\" ><div class='pt-cv-ifield'><a href=\"https:\/\/www.dmsjuridica.com\/buscador_20179478954\/corteconstitucionalcronologico202454587\/t-038-13\/\" class=\"_self pt-cv-href-thumbnail pt-cv-thumb-default\" target=\"_self\" ><\/a>\n<div class=\"pt-cv-taxoterm above_title\"><a href='https:\/\/www.dmsjuridica.com\/buscador_20179478954\/corteconstitucionalcronologico202454587\/category\/buscar-en-toda-la-corte\/2013\/tutelas-2013\/' title='Tutelas 2013' class='pt-cv-tax-tutelas-2013'>Tutelas 2013<\/a><\/div>\n<h4 class=\"pt-cv-title\"><a href=\"https:\/\/www.dmsjuridica.com\/buscador_20179478954\/corteconstitucionalcronologico202454587\/t-038-13\/\" class=\"_self\" target=\"_self\" >T-038-13<\/a><\/h4>\n<div class=\"pt-cv-content\">\u00a0 \u00a0 \u00a0 \u00a0 \u00a0 \u00a0T-038-13 \u00a0 \u00a0 \u00a0 \u00a0 \u00a0 \u00a0\u00a0 Sentencia T-038\/13 \u00a0 \u00a0\u00a0 ACCION DE \u00a0 TUTELA PARA RECONOCIMIENTO DE PENSION DE SOBREVIVIENTES-Procedencia \u00a0 excepcional cuando afecta derechos fundamentales \u00a0 \u00a0 A pesar de que por regla \u00a0 general la acci\u00f3n de tutela no procede cuando existen otros medios de defensa \u00a0 judicial, a trav\u00e9s de sus pronunciamientos la Corte ha venido desarrollando \u00a0 subreglas que permiten estudiar la idoneidad y eficacia que ofrecen los \u00a0 mecanismos disponibles desde el punto de vista constitucional, dependiendo de la \u00a0 materia de que se trate y de las particularidades ...<br \/><div class=\"pt-cv-rmwrap\"><a href=\"https:\/\/www.dmsjuridica.com\/buscador_20179478954\/corteconstitucionalcronologico202454587\/t-038-13\/\" class=\"_self pt-cv-readmore btn btn-success\" target=\"_self\">Ver Sentencia Completa...<\/a><\/div><\/div><\/div><\/div>\n<div class=\"col-md-12 col-sm-12 col-xs-12 pt-cv-content-item pt-cv-1-col\" ><div class='pt-cv-ifield'><a href=\"https:\/\/www.dmsjuridica.com\/buscador_20179478954\/corteconstitucionalcronologico202454587\/t-037-13\/\" class=\"_self pt-cv-href-thumbnail pt-cv-thumb-default\" target=\"_self\" ><\/a>\n<div class=\"pt-cv-taxoterm above_title\"><a href='https:\/\/www.dmsjuridica.com\/buscador_20179478954\/corteconstitucionalcronologico202454587\/category\/buscar-en-toda-la-corte\/2013\/tutelas-2013\/' title='Tutelas 2013' class='pt-cv-tax-tutelas-2013'>Tutelas 2013<\/a><\/div>\n<h4 class=\"pt-cv-title\"><a href=\"https:\/\/www.dmsjuridica.com\/buscador_20179478954\/corteconstitucionalcronologico202454587\/t-037-13\/\" class=\"_self\" target=\"_self\" >T-037-13<\/a><\/h4>\n<div class=\"pt-cv-content\">\u00a0 \u00a0 \u00a0 \u00a0 \u00a0 \u00a0T-037-13 \u00a0 \u00a0 \u00a0 \u00a0 \u00a0 \u00a0\u00a0 Sentencia T-037\/13 \u00a0 \u00a0 ACCION DE TUTELA PARA RECLAMAR \u00a0 PRESTACIONES ECONOMICAS PENSIONALES-Reglas jurisprudenciales para la \u00a0 procedencia \u00a0 \u00a0 ACCION DE TUTELA PARA RECONOCIMIENTO DE PENSION DE VEJEZ-Reiteraci\u00f3n de jurisprudencia sobre procedencia \u00a0 excepcional \u00a0 \u00a0 La Corte ha reiterado el car\u00e1cter excepcional de la procedencia de la acci\u00f3n de \u00a0 tutela para lograr el reconocimiento de derechos prestacionales. Por ello, es \u00a0 labor del juez determinar, a partir de un an\u00e1lisis detallado de las \u00a0 circunstancias espec\u00edficas del accionante, si \u00e9sta debe ser utilizada como \u00a0 ...<br \/><div class=\"pt-cv-rmwrap\"><a href=\"https:\/\/www.dmsjuridica.com\/buscador_20179478954\/corteconstitucionalcronologico202454587\/t-037-13\/\" class=\"_self pt-cv-readmore btn btn-success\" target=\"_self\">Ver Sentencia Completa...<\/a><\/div><\/div><\/div><\/div>\n<div class=\"col-md-12 col-sm-12 col-xs-12 pt-cv-content-item pt-cv-1-col\" ><div class='pt-cv-ifield'><a href=\"https:\/\/www.dmsjuridica.com\/buscador_20179478954\/corteconstitucionalcronologico202454587\/t-036-13\/\" class=\"_self pt-cv-href-thumbnail pt-cv-thumb-default\" target=\"_self\" ><\/a>\n<div class=\"pt-cv-taxoterm above_title\"><a href='https:\/\/www.dmsjuridica.com\/buscador_20179478954\/corteconstitucionalcronologico202454587\/category\/buscar-en-toda-la-corte\/2013\/tutelas-2013\/' title='Tutelas 2013' class='pt-cv-tax-tutelas-2013'>Tutelas 2013<\/a><\/div>\n<h4 class=\"pt-cv-title\"><a href=\"https:\/\/www.dmsjuridica.com\/buscador_20179478954\/corteconstitucionalcronologico202454587\/t-036-13\/\" class=\"_self\" target=\"_self\" >T-036-13<\/a><\/h4>\n<div class=\"pt-cv-content\">\u00a0 \u00a0 \u00a0 \u00a0 \u00a0 \u00a0T-036-13 \u00a0 \u00a0 \u00a0 \u00a0 \u00a0 \u00a0\u00a0 Sentencia T-036\/13 \u00a0 \u00a0 AGENCIA OFICIOSA \u00a0 EN TUTELA-Hija \u00a0 en representaci\u00f3n de madre enferma \u00a0 \u00a0 AGENCIA OFICIOSA \u00a0 EN TUTELA DE NI\u00d1OS, NI\u00d1AS Y ADOLESCENTES-Madre en representaci\u00f3n de hija \u00a0 con discapacidad \u00a0 \u00a0 DERECHO A LA \u00a0 SALUD DE NI\u00d1OS, NI\u00d1AS Y ADOLESCENTES COMO SUJETOS DE ESPECIAL PROTECCION \u00a0 CONSTITUCIONAL-Reiteraci\u00f3n \u00a0 de jurisprudencia \u00a0 \u00a0 La Corte Constitucional ha establecido que los ni\u00f1os y \u00a0 las ni\u00f1as son sujetos de especial protecci\u00f3n, explicando que su condici\u00f3n de \u00a0 debilidad no es una raz\u00f3n para restringir ...<br \/><div class=\"pt-cv-rmwrap\"><a href=\"https:\/\/www.dmsjuridica.com\/buscador_20179478954\/corteconstitucionalcronologico202454587\/t-036-13\/\" class=\"_self pt-cv-readmore btn btn-success\" target=\"_self\">Ver Sentencia Completa...<\/a><\/div><\/div><\/div><\/div>\n<div class=\"col-md-12 col-sm-12 col-xs-12 pt-cv-content-item pt-cv-1-col\" ><div class='pt-cv-ifield'><a href=\"https:\/\/www.dmsjuridica.com\/buscador_20179478954\/corteconstitucionalcronologico202454587\/t-035a-13\/\" class=\"_self pt-cv-href-thumbnail pt-cv-thumb-default\" target=\"_self\" ><\/a>\n<div class=\"pt-cv-taxoterm above_title\"><a href='https:\/\/www.dmsjuridica.com\/buscador_20179478954\/corteconstitucionalcronologico202454587\/category\/buscar-en-toda-la-corte\/2013\/tutelas-2013\/' title='Tutelas 2013' class='pt-cv-tax-tutelas-2013'>Tutelas 2013<\/a><\/div>\n<h4 class=\"pt-cv-title\"><a href=\"https:\/\/www.dmsjuridica.com\/buscador_20179478954\/corteconstitucionalcronologico202454587\/t-035a-13\/\" class=\"_self\" target=\"_self\" >T-035A-13<\/a><\/h4>\n<div class=\"pt-cv-content\">\u00a0 \u00a0 \u00a0 \u00a0 \u00a0 \u00a0T-035A-13 \u00a0 \u00a0 \u00a0 \u00a0 \u00a0 \u00a0\u00a0 Sentencia T-035A\/13 \u00a0 \u00a0 DERECHO DE PETICION-Procedencia \u00a0 de la acci\u00f3n de tutela \u00a0 \u00a0 La acci\u00f3n de tutela es procedente cuando los dem\u00e1s mecanismos judiciales \u00a0 ordinarios de protecci\u00f3n no son eficaces o id\u00f3neos para la protecci\u00f3n efectiva \u00a0 del derecho fundamental. En este caso, dado que la Constituci\u00f3n Pol\u00edtica prev\u00e9 \u00a0 como contenido esencial del derecho de petici\u00f3n la obtenci\u00f3n de su pronta \u00a0 resoluci\u00f3n, los procesos judiciales que puedan adelantarse ante la jurisdicci\u00f3n \u00a0 de lo contencioso administrativo contra la autoridad que omite o retarda ...<br \/><div class=\"pt-cv-rmwrap\"><a href=\"https:\/\/www.dmsjuridica.com\/buscador_20179478954\/corteconstitucionalcronologico202454587\/t-035a-13\/\" class=\"_self pt-cv-readmore btn btn-success\" target=\"_self\">Ver Sentencia Completa...<\/a><\/div><\/div><\/div><\/div>\n<div class=\"col-md-12 col-sm-12 col-xs-12 pt-cv-content-item pt-cv-1-col\" ><div class='pt-cv-ifield'><a href=\"https:\/\/www.dmsjuridica.com\/buscador_20179478954\/corteconstitucionalcronologico202454587\/t-035-13\/\" class=\"_self pt-cv-href-thumbnail pt-cv-thumb-default\" target=\"_self\" ><\/a>\n<div class=\"pt-cv-taxoterm above_title\"><a href='https:\/\/www.dmsjuridica.com\/buscador_20179478954\/corteconstitucionalcronologico202454587\/category\/buscar-en-toda-la-corte\/2013\/tutelas-2013\/' title='Tutelas 2013' class='pt-cv-tax-tutelas-2013'>Tutelas 2013<\/a><\/div>\n<h4 class=\"pt-cv-title\"><a href=\"https:\/\/www.dmsjuridica.com\/buscador_20179478954\/corteconstitucionalcronologico202454587\/t-035-13\/\" class=\"_self\" target=\"_self\" >T-035-13<\/a><\/h4>\n<div class=\"pt-cv-content\">\u00a0 \u00a0 \u00a0 \u00a0 \u00a0 \u00a0T-035-13 \u00a0 \u00a0 \u00a0 \u00a0 \u00a0 \u00a0\u00a0 Sentencia T-035\/13 \u00a0 \u00a0 ACCION DE TUTELA CONTRA \u00a0 PROVIDENCIAS JUDICIALES-Requisitos generales y especiales de procedibilidad \u00a0 \u00a0 ACCION DE TUTELA-Car\u00e1cter \u00a0 subsidiario y residual \u00a0 \u00a0 SUSTITUCION DE PRISION EN CENTRO \u00a0 CARCELARIO POR PRISION HOSPITALARIA EN EJECUCION DE LA PENA \u00a0 \u00a0 Siguiendo las m\u00e1ximas de necesidad, adecuaci\u00f3n, \u00a0 proporcionalidad y razonabilidad consagradas en el art\u00edculo 295 del C\u00f3digo de \u00a0 Procedimiento Penal, la detenci\u00f3n preventiva en establecimiento carcelario puede \u00a0 sustituirse por la de lugar de residencia, cuando, entre otros, el imputado o \u00a0 acusado ...<br \/><div class=\"pt-cv-rmwrap\"><a href=\"https:\/\/www.dmsjuridica.com\/buscador_20179478954\/corteconstitucionalcronologico202454587\/t-035-13\/\" class=\"_self pt-cv-readmore btn btn-success\" target=\"_self\">Ver Sentencia Completa...<\/a><\/div><\/div><\/div><\/div>\n<div class=\"col-md-12 col-sm-12 col-xs-12 pt-cv-content-item pt-cv-1-col\" ><div class='pt-cv-ifield'><a href=\"https:\/\/www.dmsjuridica.com\/buscador_20179478954\/corteconstitucionalcronologico202454587\/t-034-13\/\" class=\"_self pt-cv-href-thumbnail pt-cv-thumb-default\" target=\"_self\" ><\/a>\n<div class=\"pt-cv-taxoterm above_title\"><a href='https:\/\/www.dmsjuridica.com\/buscador_20179478954\/corteconstitucionalcronologico202454587\/category\/buscar-en-toda-la-corte\/2013\/tutelas-2013\/' title='Tutelas 2013' class='pt-cv-tax-tutelas-2013'>Tutelas 2013<\/a><\/div>\n<h4 class=\"pt-cv-title\"><a href=\"https:\/\/www.dmsjuridica.com\/buscador_20179478954\/corteconstitucionalcronologico202454587\/t-034-13\/\" class=\"_self\" target=\"_self\" >T-034-13<\/a><\/h4>\n<div class=\"pt-cv-content\">\u00a0 \u00a0 \u00a0 \u00a0 \u00a0 \u00a0T-034-13 \u00a0 \u00a0 \u00a0 \u00a0 \u00a0 \u00a0\u00a0 Sentencia T-034\/13 \u00a0 \u00a0 ACCION DE TUTELA CONTRA \u00a0 DECISION DE JUNTA DIRECTIVA DE CONJUNTO RESIDENCIAL-Procedencia excepcional para proteger derecho a la \u00a0 tenencia de animales dom\u00e9sticos como parte del libre desarrollo de la \u00a0 personalidad y de la intimidad familiar \u00a0 \u00a0 LEGITIMACION POR PASIVA EN \u00a0 TUTELA-Subordinaci\u00f3n frente a \u00a0 decisiones de Asamblea de Propietarios en Conjunto de propiedad horizontal \u00a0 \u00a0 En los casos de propiedad horizontal, esta Corporaci\u00f3n \u00a0 ha admitido que los copropietarios o los residentes de un conjunto residencial \u00a0 se encuentran ...<br \/><div class=\"pt-cv-rmwrap\"><a href=\"https:\/\/www.dmsjuridica.com\/buscador_20179478954\/corteconstitucionalcronologico202454587\/t-034-13\/\" class=\"_self pt-cv-readmore btn btn-success\" target=\"_self\">Ver Sentencia Completa...<\/a><\/div><\/div><\/div><\/div>\n<div class=\"col-md-12 col-sm-12 col-xs-12 pt-cv-content-item pt-cv-1-col\" ><div class='pt-cv-ifield'><a href=\"https:\/\/www.dmsjuridica.com\/buscador_20179478954\/corteconstitucionalcronologico202454587\/t-033-13\/\" class=\"_self pt-cv-href-thumbnail pt-cv-thumb-default\" target=\"_self\" ><\/a>\n<div class=\"pt-cv-taxoterm above_title\"><a href='https:\/\/www.dmsjuridica.com\/buscador_20179478954\/corteconstitucionalcronologico202454587\/category\/buscar-en-toda-la-corte\/2013\/tutelas-2013\/' title='Tutelas 2013' class='pt-cv-tax-tutelas-2013'>Tutelas 2013<\/a><\/div>\n<h4 class=\"pt-cv-title\"><a href=\"https:\/\/www.dmsjuridica.com\/buscador_20179478954\/corteconstitucionalcronologico202454587\/t-033-13\/\" class=\"_self\" target=\"_self\" >T-033-13<\/a><\/h4>\n<div class=\"pt-cv-content\">\u00a0 \u00a0 \u00a0 \u00a0 \u00a0 \u00a0T-033-13 \u00a0 \u00a0 \u00a0 \u00a0 \u00a0 \u00a0\u00a0 Sentencia T-033\/13 \u00a0 \u00a0 DERECHO A LA SALUD-Evoluci\u00f3n en la jurisprudencia constitucional \u00a0 \u00a0 DERECHO A LA SALUD Y DIGNIDAD HUMANA-Conexidad \u00a0 \u00a0 El derecho a la salud guarda una estrecha relaci\u00f3n con \u00a0 el concepto de la dignidad humana, de manera que involucra no solo aquellos \u00a0 eventos de tratamiento de enfermedades f\u00edsicas o mentales, sino tambi\u00e9n \u00a0 situaciones en las que est\u00e1 en riesgo la posibilidad de que una persona viva en \u00a0 condiciones de dignidad. \u00a0 \u00a0 DERECHO FUNDAMENTAL A LA SALUD DE PERSONA DE ...<br \/><div class=\"pt-cv-rmwrap\"><a href=\"https:\/\/www.dmsjuridica.com\/buscador_20179478954\/corteconstitucionalcronologico202454587\/t-033-13\/\" class=\"_self pt-cv-readmore btn btn-success\" target=\"_self\">Ver Sentencia Completa...<\/a><\/div><\/div><\/div><\/div>\n<div class=\"col-md-12 col-sm-12 col-xs-12 pt-cv-content-item pt-cv-1-col\" ><div class='pt-cv-ifield'><a href=\"https:\/\/www.dmsjuridica.com\/buscador_20179478954\/corteconstitucionalcronologico202454587\/t-032-13\/\" class=\"_self pt-cv-href-thumbnail pt-cv-thumb-default\" target=\"_self\" ><\/a>\n<div class=\"pt-cv-taxoterm above_title\"><a href='https:\/\/www.dmsjuridica.com\/buscador_20179478954\/corteconstitucionalcronologico202454587\/category\/buscar-en-toda-la-corte\/2013\/tutelas-2013\/' title='Tutelas 2013' class='pt-cv-tax-tutelas-2013'>Tutelas 2013<\/a><\/div>\n<h4 class=\"pt-cv-title\"><a href=\"https:\/\/www.dmsjuridica.com\/buscador_20179478954\/corteconstitucionalcronologico202454587\/t-032-13\/\" class=\"_self\" target=\"_self\" >T-032-13<\/a><\/h4>\n<div class=\"pt-cv-content\">\u00a0 \u00a0 \u00a0 \u00a0 \u00a0 \u00a0T-032-13 \u00a0 \u00a0 \u00a0 \u00a0 \u00a0 \u00a0\u00a0 Sentencia T-032\/13 \u00a0 \u00a0 ACCION DE \u00a0 TUTELA PARA RECONOCIMIENTO Y PAGO DE ACREENCIAS LABORALES-Procedencia \u00a0 excepcional por afectaci\u00f3n del m\u00ednimo vital \u00a0 \u00a0 La acci\u00f3n de tutela ser\u00e1 \u00a0 procedente para conceder el pago de salarios y prestaciones laborales, cuando \u00a0 quede demostrado o se pueda presumir de los elementos de juicio obrantes en el \u00a0 proceso, que el no pago de dichos emolumentos genera un riesgo al m\u00ednimo vital \u00a0 de la persona o de sus dependientes. \u00a0 \u00a0 ACCION DE \u00a0 TUTELA PARA RECONOCIMIENTO Y ...<br \/><div class=\"pt-cv-rmwrap\"><a href=\"https:\/\/www.dmsjuridica.com\/buscador_20179478954\/corteconstitucionalcronologico202454587\/t-032-13\/\" class=\"_self pt-cv-readmore btn btn-success\" target=\"_self\">Ver Sentencia Completa...<\/a><\/div><\/div><\/div><\/div>\n<div class=\"col-md-12 col-sm-12 col-xs-12 pt-cv-content-item pt-cv-1-col\" ><div class='pt-cv-ifield'><a href=\"https:\/\/www.dmsjuridica.com\/buscador_20179478954\/corteconstitucionalcronologico202454587\/t-031-13\/\" class=\"_self pt-cv-href-thumbnail pt-cv-thumb-default\" target=\"_self\" ><\/a>\n<div class=\"pt-cv-taxoterm above_title\"><a href='https:\/\/www.dmsjuridica.com\/buscador_20179478954\/corteconstitucionalcronologico202454587\/category\/buscar-en-toda-la-corte\/2013\/tutelas-2013\/' title='Tutelas 2013' class='pt-cv-tax-tutelas-2013'>Tutelas 2013<\/a><\/div>\n<h4 class=\"pt-cv-title\"><a href=\"https:\/\/www.dmsjuridica.com\/buscador_20179478954\/corteconstitucionalcronologico202454587\/t-031-13\/\" class=\"_self\" target=\"_self\" >T-031-13<\/a><\/h4>\n<div class=\"pt-cv-content\">\u00a0 \u00a0 \u00a0 \u00a0 \u00a0 \u00a0T-031-13 \u00a0 \u00a0 \u00a0 \u00a0 \u00a0 \u00a0\u00a0 Sentencia T-031\/13 \u00a0 \u00a0 ACCION DE TUTELA CONTRA ACTO \u00a0 ADMINISTRATIVO SANCIONATORIO DE LA ADMINISTRACION-Improcedencia por existir \u00a0 recursos ordinarios para controvertir sanci\u00f3n por inexactitud impuesta por la \u00a0 DIAN \u00a0 \u00a0 Conforme a la jurisprudencia de esta Corporaci\u00f3n, al \u00a0 existir los mecanismos de defensa judicial id\u00f3neos para controvertir actos \u00a0 administrativos de car\u00e1cter particular y concreto, la acci\u00f3n de tutela se torna \u00a0 improcedente. En este an\u00e1lisis de idoneidad y eficacia, el juez constitucional \u00a0 debe tener en cuenta la posibilidad con que contaba el actor ...<br \/><div class=\"pt-cv-rmwrap\"><a href=\"https:\/\/www.dmsjuridica.com\/buscador_20179478954\/corteconstitucionalcronologico202454587\/t-031-13\/\" class=\"_self pt-cv-readmore btn btn-success\" target=\"_self\">Ver Sentencia Completa...<\/a><\/div><\/div><\/div><\/div>\n<div class=\"col-md-12 col-sm-12 col-xs-12 pt-cv-content-item pt-cv-1-col\" ><div class='pt-cv-ifield'><a href=\"https:\/\/www.dmsjuridica.com\/buscador_20179478954\/corteconstitucionalcronologico202454587\/t-030-13\/\" class=\"_self pt-cv-href-thumbnail pt-cv-thumb-default\" target=\"_self\" ><\/a>\n<div class=\"pt-cv-taxoterm above_title\"><a href='https:\/\/www.dmsjuridica.com\/buscador_20179478954\/corteconstitucionalcronologico202454587\/category\/buscar-en-toda-la-corte\/2013\/tutelas-2013\/' title='Tutelas 2013' class='pt-cv-tax-tutelas-2013'>Tutelas 2013<\/a><\/div>\n<h4 class=\"pt-cv-title\"><a href=\"https:\/\/www.dmsjuridica.com\/buscador_20179478954\/corteconstitucionalcronologico202454587\/t-030-13\/\" class=\"_self\" target=\"_self\" >T-030-13<\/a><\/h4>\n<div class=\"pt-cv-content\">\u00a0 \u00a0 \u00a0 \u00a0 \u00a0 \u00a0T-030-13 \u00a0 \u00a0 \u00a0 \u00a0 \u00a0 \u00a0\u00a0 Sentencia T-030\/13 \u00a0 \u00a0 DERECHO FUNDAMENTAL A LA SEGURIDAD SOCIAL Y PROTECCION POR MEDIO DE ACCION DE \u00a0 TUTELA-Reiteraci\u00f3n de jurisprudencia \u00a0 \u00a0 NATURALEZA JURIDICA DE PENSION DE SOBREVIVIENTES Y SU CARACTER FUNDAMENTAL-Reiteraci\u00f3n de jurisprudencia \u00a0 \u00a0 PENSION DE SOBREVIVIENTES-Convivencia \u00a0 como requisito para el reconocimiento de la pensi\u00f3n sustitutiva al c\u00f3nyuge o \u00a0 compa\u00f1ero sup\u00e9rstite\/DERECHO A LA PENSION DE SOBREVIVIENTES-Convivencia \u00a0 simult\u00e1nea entre c\u00f3nyuge y compa\u00f1era permanente en los \u00faltimos cinco a\u00f1os \u00a0 \u00a0 ACCION DE TUTELA CONTRA PROVIDENCIAS \u00a0 JUDICIALES-No es una instancia \u00a0 adicional \u00a0 ...<br \/><div class=\"pt-cv-rmwrap\"><a href=\"https:\/\/www.dmsjuridica.com\/buscador_20179478954\/corteconstitucionalcronologico202454587\/t-030-13\/\" class=\"_self pt-cv-readmore btn btn-success\" target=\"_self\">Ver Sentencia Completa...<\/a><\/div><\/div><\/div><\/div>\n<div class=\"col-md-12 col-sm-12 col-xs-12 pt-cv-content-item pt-cv-1-col\" ><div class='pt-cv-ifield'><a href=\"https:\/\/www.dmsjuridica.com\/buscador_20179478954\/corteconstitucionalcronologico202454587\/t-029a-13\/\" class=\"_self pt-cv-href-thumbnail pt-cv-thumb-default\" target=\"_self\" ><\/a>\n<div class=\"pt-cv-taxoterm above_title\"><a href='https:\/\/www.dmsjuridica.com\/buscador_20179478954\/corteconstitucionalcronologico202454587\/category\/buscar-en-toda-la-corte\/2013\/tutelas-2013\/' title='Tutelas 2013' class='pt-cv-tax-tutelas-2013'>Tutelas 2013<\/a><\/div>\n<h4 class=\"pt-cv-title\"><a href=\"https:\/\/www.dmsjuridica.com\/buscador_20179478954\/corteconstitucionalcronologico202454587\/t-029a-13\/\" class=\"_self\" target=\"_self\" >T-029A-13<\/a><\/h4>\n<div class=\"pt-cv-content\">\u00a0 \u00a0 \u00a0 \u00a0 \u00a0 \u00a0T-029A-13 \u00a0 \u00a0 \u00a0 \u00a0 \u00a0 \u00a0\u00a0 Sentencia T-029A\/13 \u00a0 \u00a0 DERECHO A PENSION CONVENCIONAL DE JUBILACION-Improcedencia por existir otro medio de defensa \u00a0 judicial y no se demostr\u00f3 perjuicio irremediable \u00a0 \u00a0 CONVENCION COLECTIVA SUSCRITA ENTRE EL ISS Y \u00a0 SINTRASEGURIDAD SOCIAL-Precedente \u00a0 fijado en sentencia SU897 de 2012, en cuanto a la vigencia de la convenci\u00f3n \u00a0 \u00a0 Referencia: expediente T-3603728. \u00a0 \u00a0 Acci\u00f3n de tutela instaurada por la se\u00f1ora \u00a0 Ana Mercedes Mart\u00ednez G\u00f3mez, contra la Fiduciaria La Previsora S. A., el \u00a0 Instituto de Seguros Sociales y otros. \u00a0 \u00a0 Procedencia: ...<br \/><div class=\"pt-cv-rmwrap\"><a href=\"https:\/\/www.dmsjuridica.com\/buscador_20179478954\/corteconstitucionalcronologico202454587\/t-029a-13\/\" class=\"_self pt-cv-readmore btn btn-success\" target=\"_self\">Ver Sentencia Completa...<\/a><\/div><\/div><\/div><\/div>\n<div class=\"col-md-12 col-sm-12 col-xs-12 pt-cv-content-item pt-cv-1-col\" ><div class='pt-cv-ifield'><a href=\"https:\/\/www.dmsjuridica.com\/buscador_20179478954\/corteconstitucionalcronologico202454587\/t-029-13\/\" class=\"_self pt-cv-href-thumbnail pt-cv-thumb-default\" target=\"_self\" ><\/a>\n<div class=\"pt-cv-taxoterm above_title\"><a href='https:\/\/www.dmsjuridica.com\/buscador_20179478954\/corteconstitucionalcronologico202454587\/category\/buscar-en-toda-la-corte\/2013\/tutelas-2013\/' title='Tutelas 2013' class='pt-cv-tax-tutelas-2013'>Tutelas 2013<\/a><\/div>\n<h4 class=\"pt-cv-title\"><a href=\"https:\/\/www.dmsjuridica.com\/buscador_20179478954\/corteconstitucionalcronologico202454587\/t-029-13\/\" class=\"_self\" target=\"_self\" >T-029-13<\/a><\/h4>\n<div class=\"pt-cv-content\">\u00a0 \u00a0 \u00a0 \u00a0 \u00a0 \u00a0T-029-13 \u00a0 \u00a0 \u00a0 \u00a0 \u00a0 \u00a0\u00a0 Sentencia T-029\/13 \u00a0 \u00a0 ACCION DE \u00a0 TUTELA CONTRA PROVIDENCIAS JUDICIALES-L\u00ednea jurisprudencial sobre causales \u00a0 gen\u00e9ricas y espec\u00edficas de procedibilidad \u00a0 \u00a0 DEFECTO \u00a0 PROCEDIMENTAL POR INDEBIDA INTEGRACION DEL CONTRADICTORIO-Caso en que no se \u00a0 notific\u00f3 a la Agencia Nacional de Infraestructura como parte interesada en \u00a0 proceso ejecutivo que adjudic\u00f3 parte de la calzada Bogot\u00e1-Girardot siendo bien \u00a0 de uso p\u00fablico \u00a0 \u00a0 Esta Sala \u00a0 considera que las actuaciones adelantadas por el Juzgado adolecen de defecto \u00a0 procedimental, toda vez que el Estado no fue vinculado ...<br \/><div class=\"pt-cv-rmwrap\"><a href=\"https:\/\/www.dmsjuridica.com\/buscador_20179478954\/corteconstitucionalcronologico202454587\/t-029-13\/\" class=\"_self pt-cv-readmore btn btn-success\" target=\"_self\">Ver Sentencia Completa...<\/a><\/div><\/div><\/div><\/div>\n<div class=\"col-md-12 col-sm-12 col-xs-12 pt-cv-content-item pt-cv-1-col\" ><div class='pt-cv-ifield'><a href=\"https:\/\/www.dmsjuridica.com\/buscador_20179478954\/corteconstitucionalcronologico202454587\/t-028-13\/\" class=\"_self pt-cv-href-thumbnail pt-cv-thumb-default\" target=\"_self\" ><\/a>\n<div class=\"pt-cv-taxoterm above_title\"><a href='https:\/\/www.dmsjuridica.com\/buscador_20179478954\/corteconstitucionalcronologico202454587\/category\/buscar-en-toda-la-corte\/2013\/tutelas-2013\/' title='Tutelas 2013' class='pt-cv-tax-tutelas-2013'>Tutelas 2013<\/a><\/div>\n<h4 class=\"pt-cv-title\"><a href=\"https:\/\/www.dmsjuridica.com\/buscador_20179478954\/corteconstitucionalcronologico202454587\/t-028-13\/\" class=\"_self\" target=\"_self\" >T-028-13<\/a><\/h4>\n<div class=\"pt-cv-content\">\u00a0 \u00a0 \u00a0 \u00a0 \u00a0 \u00a0T-028-13 \u00a0 \u00a0 \u00a0 \u00a0 \u00a0 \u00a0\u00a0 Sentencia T-028\/13 \u00a0 \u00a0 ACCION DE \u00a0 TUTELA CONTRA PROVIDENCIAS JUDICIALES-Evoluci\u00f3n y reiteraci\u00f3n de \u00a0 jurisprudencia \u00a0 \u00a0 ACCION DE \u00a0 TUTELA CONTRA PROVIDENCIAS JUDICIALES-Improcedencia pues el juez \u00a0 constitucional no puede actuar como juez de conocimiento o apelaci\u00f3n ordinario \u00a0 \u00a0 Merece especial atenci\u00f3n el \u00a0 criterio de esta Corte en cuanto a la labor espec\u00edfica del juez de tutela, en \u00a0 punto a que no puede desconocer \u201clos conceptos y principios de autonom\u00eda, \u00a0 independencia de los jueces, acceso a la administraci\u00f3n de justicia, seguridad \u00a0 ...<br \/><div class=\"pt-cv-rmwrap\"><a href=\"https:\/\/www.dmsjuridica.com\/buscador_20179478954\/corteconstitucionalcronologico202454587\/t-028-13\/\" class=\"_self pt-cv-readmore btn btn-success\" target=\"_self\">Ver Sentencia Completa...<\/a><\/div><\/div><\/div><\/div>\n<div class=\"col-md-12 col-sm-12 col-xs-12 pt-cv-content-item pt-cv-1-col\" ><div class='pt-cv-ifield'><a href=\"https:\/\/www.dmsjuridica.com\/buscador_20179478954\/corteconstitucionalcronologico202454587\/t-027-13\/\" class=\"_self pt-cv-href-thumbnail pt-cv-thumb-default\" target=\"_self\" ><\/a>\n<div class=\"pt-cv-taxoterm above_title\"><a href='https:\/\/www.dmsjuridica.com\/buscador_20179478954\/corteconstitucionalcronologico202454587\/category\/buscar-en-toda-la-corte\/2013\/tutelas-2013\/' title='Tutelas 2013' class='pt-cv-tax-tutelas-2013'>Tutelas 2013<\/a><\/div>\n<h4 class=\"pt-cv-title\"><a href=\"https:\/\/www.dmsjuridica.com\/buscador_20179478954\/corteconstitucionalcronologico202454587\/t-027-13\/\" class=\"_self\" target=\"_self\" >T-027-13<\/a><\/h4>\n<div class=\"pt-cv-content\">\u00a0 \u00a0 \u00a0 \u00a0 \u00a0 \u00a0T-027-13 \u00a0 \u00a0 \u00a0 \u00a0 \u00a0 \u00a0\u00a0 Sentencia T-027\/13 \u00a0 \u00a0 PROTECCION CONSTITUCIONAL ESPECIAL DE PERSONAS PORTADORAS DE VIH\/SIDA-Reiteraci\u00f3n \u00a0 de jurisprudencia \u00a0 \u00a0 La Corte ha reconocido expresamente algunos \u00a0 escenarios en los que el deber de protecci\u00f3n a quienes se encuentran en \u00a0 situaci\u00f3n de debilidad manifiesta, es axiom\u00e1tico. As\u00ed sucede en el caso de las \u00a0 personas enfermas de VIH\/SIDA, quienes ven afectada su salud por una gravosa \u00a0 enfermedad que a\u00fan no conoce curaci\u00f3n y que suele terminar con\u00a0 la vida de \u00a0 quienes la padecen, atacando fatalmente su sistema inmunol\u00f3gico ...<br \/><div class=\"pt-cv-rmwrap\"><a href=\"https:\/\/www.dmsjuridica.com\/buscador_20179478954\/corteconstitucionalcronologico202454587\/t-027-13\/\" class=\"_self pt-cv-readmore btn btn-success\" target=\"_self\">Ver Sentencia Completa...<\/a><\/div><\/div><\/div><\/div>\n<div class=\"col-md-12 col-sm-12 col-xs-12 pt-cv-content-item pt-cv-1-col\" ><div class='pt-cv-ifield'><a href=\"https:\/\/www.dmsjuridica.com\/buscador_20179478954\/corteconstitucionalcronologico202454587\/t-026-13\/\" class=\"_self pt-cv-href-thumbnail pt-cv-thumb-default\" target=\"_self\" ><\/a>\n<div class=\"pt-cv-taxoterm above_title\"><a href='https:\/\/www.dmsjuridica.com\/buscador_20179478954\/corteconstitucionalcronologico202454587\/category\/buscar-en-toda-la-corte\/2013\/tutelas-2013\/' title='Tutelas 2013' class='pt-cv-tax-tutelas-2013'>Tutelas 2013<\/a><\/div>\n<h4 class=\"pt-cv-title\"><a href=\"https:\/\/www.dmsjuridica.com\/buscador_20179478954\/corteconstitucionalcronologico202454587\/t-026-13\/\" class=\"_self\" target=\"_self\" >T-026-13<\/a><\/h4>\n<div class=\"pt-cv-content\">\u00a0 \u00a0 \u00a0 \u00a0 \u00a0 \u00a0T-026-13 \u00a0 \u00a0 \u00a0 \u00a0 \u00a0 \u00a0\u00a0 Sentencia T-026\/13 \u00a0 \u00a0 PRESTACION DE TRATAMIENTOS Y MEDICAMENTOS NO INCLUIDOS \u00a0 EN EL POS-La EPS no est\u00e1 autorizada a \u00a0 rechazar de manera absoluta y sin fundamento cient\u00edfico, el concepto de un \u00a0 m\u00e9dico no adscrito a su entidad \u00a0 \u00a0 Ha establecido la Corte que la respuesta de la entidad, frente a una petici\u00f3n de \u00a0 un servicio que no ha sido prescrito por un m\u00e9dico adscrito a su red de \u00a0 servicios, debe tener un contenido m\u00ednimo. En la sentencia T-760 de 2008, la \u00a0 ...<br \/><div class=\"pt-cv-rmwrap\"><a href=\"https:\/\/www.dmsjuridica.com\/buscador_20179478954\/corteconstitucionalcronologico202454587\/t-026-13\/\" class=\"_self pt-cv-readmore btn btn-success\" target=\"_self\">Ver Sentencia Completa...<\/a><\/div><\/div><\/div><\/div>\n<div class=\"col-md-12 col-sm-12 col-xs-12 pt-cv-content-item pt-cv-1-col\" ><div class='pt-cv-ifield'><a href=\"https:\/\/www.dmsjuridica.com\/buscador_20179478954\/corteconstitucionalcronologico202454587\/t-025-13\/\" class=\"_self pt-cv-href-thumbnail pt-cv-thumb-default\" target=\"_self\" ><\/a>\n<div class=\"pt-cv-taxoterm above_title\"><a href='https:\/\/www.dmsjuridica.com\/buscador_20179478954\/corteconstitucionalcronologico202454587\/category\/buscar-en-toda-la-corte\/2013\/tutelas-2013\/' title='Tutelas 2013' class='pt-cv-tax-tutelas-2013'>Tutelas 2013<\/a><\/div>\n<h4 class=\"pt-cv-title\"><a href=\"https:\/\/www.dmsjuridica.com\/buscador_20179478954\/corteconstitucionalcronologico202454587\/t-025-13\/\" class=\"_self\" target=\"_self\" >T-025-13<\/a><\/h4>\n<div class=\"pt-cv-content\">\u00a0 \u00a0 \u00a0 \u00a0 \u00a0 \u00a0T-025-13 \u00a0 \u00a0 \u00a0 \u00a0 \u00a0 \u00a0\u00a0 Sentencia T-025\/13 \u00a0 \u00a0 MEDICO TRATANTE-Concepto del m\u00e9dico tratante no adscrito a la EPS resulta vinculante \u00a0 \u00a0 PRESTACION DE TRATAMIENTOS Y MEDICAMENTOS NO INCLUIDOS \u00a0 EN EL POS-La EPS no est\u00e1 autorizada a \u00a0 rechazar de manera absoluta y sin fundamento cient\u00edfico, el concepto de un \u00a0 m\u00e9dico no adscrito a su entidad \u00a0 \u00a0 DERECHO AL DIAGNOSTICO-Caso de menor de edad que le fue prescrito \u00a0 encefalograma con duraci\u00f3n de 12 horas por m\u00e9dico no adscrito a la EPS \u00a0 \u00a0 Esta Sala advierte que el ...<br \/><div class=\"pt-cv-rmwrap\"><a href=\"https:\/\/www.dmsjuridica.com\/buscador_20179478954\/corteconstitucionalcronologico202454587\/t-025-13\/\" class=\"_self pt-cv-readmore btn btn-success\" target=\"_self\">Ver Sentencia Completa...<\/a><\/div><\/div><\/div><\/div>\n<div class=\"col-md-12 col-sm-12 col-xs-12 pt-cv-content-item pt-cv-1-col\" ><div class='pt-cv-ifield'><a href=\"https:\/\/www.dmsjuridica.com\/buscador_20179478954\/corteconstitucionalcronologico202454587\/t-024-13\/\" class=\"_self pt-cv-href-thumbnail pt-cv-thumb-default\" target=\"_self\" ><\/a>\n<div class=\"pt-cv-taxoterm above_title\"><a href='https:\/\/www.dmsjuridica.com\/buscador_20179478954\/corteconstitucionalcronologico202454587\/category\/buscar-en-toda-la-corte\/2013\/tutelas-2013\/' title='Tutelas 2013' class='pt-cv-tax-tutelas-2013'>Tutelas 2013<\/a><\/div>\n<h4 class=\"pt-cv-title\"><a href=\"https:\/\/www.dmsjuridica.com\/buscador_20179478954\/corteconstitucionalcronologico202454587\/t-024-13\/\" class=\"_self\" target=\"_self\" >T-024-13<\/a><\/h4>\n<div class=\"pt-cv-content\">\u00a0 \u00a0 \u00a0 \u00a0 \u00a0 \u00a0T-024-13 \u00a0 \u00a0 \u00a0 \u00a0 \u00a0 \u00a0\u00a0 Sentencia T-024\/13 \u00a0 \u00a0 Referencia: expediente T-3609624 \u00a0 \u00a0 Acci\u00f3n de tutela presentada por \u00a0 la se\u00f1ora Ana Mar\u00eda Payares Mendoza en contra de Humana Vivir EPS, el Fondo de \u00a0 Solidaridad y Garant\u00eda (FOSYGA), y la Secretar\u00eda de Salud Distrital de Bogot\u00e1 \u00a0 D.C. \u00a0 \u00a0 Magistrada ponente: \u00a0 \u00a0 MAR\u00cdA VICTORIA CALLE CORREA \u00a0 \u00a0 Bogot\u00e1, D.C., veinticinco (25) de \u00a0 enero de dos mil trece (2013) \u00a0 \u00a0 La Sala Primera de Revisi\u00f3n de la \u00a0 Corte Constitucional, integrada por los magistrados Mar\u00eda Victoria Calle ...<br \/><div class=\"pt-cv-rmwrap\"><a href=\"https:\/\/www.dmsjuridica.com\/buscador_20179478954\/corteconstitucionalcronologico202454587\/t-024-13\/\" class=\"_self pt-cv-readmore btn btn-success\" target=\"_self\">Ver Sentencia Completa...<\/a><\/div><\/div><\/div><\/div>\n<div class=\"col-md-12 col-sm-12 col-xs-12 pt-cv-content-item pt-cv-1-col\" ><div class='pt-cv-ifield'><a href=\"https:\/\/www.dmsjuridica.com\/buscador_20179478954\/corteconstitucionalcronologico202454587\/t-023-13\/\" class=\"_self pt-cv-href-thumbnail pt-cv-thumb-default\" target=\"_self\" ><\/a>\n<div class=\"pt-cv-taxoterm above_title\"><a href='https:\/\/www.dmsjuridica.com\/buscador_20179478954\/corteconstitucionalcronologico202454587\/category\/buscar-en-toda-la-corte\/2013\/tutelas-2013\/' title='Tutelas 2013' class='pt-cv-tax-tutelas-2013'>Tutelas 2013<\/a><\/div>\n<h4 class=\"pt-cv-title\"><a href=\"https:\/\/www.dmsjuridica.com\/buscador_20179478954\/corteconstitucionalcronologico202454587\/t-023-13\/\" class=\"_self\" target=\"_self\" >T-023-13<\/a><\/h4>\n<div class=\"pt-cv-content\">\u00a0 \u00a0 \u00a0 \u00a0 \u00a0 \u00a0T-023-13 \u00a0 \u00a0 \u00a0 \u00a0 \u00a0 \u00a0\u00a0 Sentencia T-023\/13 \u00a0 \u00a0 APLICACION DEL CRITERIO DE NECESIDAD COMO \u00a0 GARANTIA DE ACCESIBILIDAD A LOS SERVICIOS DE SALUD-Se requiere orden de m\u00e9dico tratante \u00a0 \u00a0 De acuerdo con la jurisprudencia en salud, cuando una persona \u00a0 acude a su EPS para que \u00e9sta le suministre un servicio que requiere, o requiere \u00a0 con necesidad, el fundamento sobre el cual descansa el criterio de necesidad, es \u00a0 que exista orden m\u00e9dica autorizando el servicio. Esta Corte ha se\u00f1alado que el \u00a0 profesional id\u00f3neo para determinar las condiciones de ...<br \/><div class=\"pt-cv-rmwrap\"><a href=\"https:\/\/www.dmsjuridica.com\/buscador_20179478954\/corteconstitucionalcronologico202454587\/t-023-13\/\" class=\"_self pt-cv-readmore btn btn-success\" target=\"_self\">Ver Sentencia Completa...<\/a><\/div><\/div><\/div><\/div>\n<div class=\"col-md-12 col-sm-12 col-xs-12 pt-cv-content-item pt-cv-1-col\" ><div class='pt-cv-ifield'><a href=\"https:\/\/www.dmsjuridica.com\/buscador_20179478954\/corteconstitucionalcronologico202454587\/t-022-13\/\" class=\"_self pt-cv-href-thumbnail pt-cv-thumb-default\" target=\"_self\" ><\/a>\n<div class=\"pt-cv-taxoterm above_title\"><a href='https:\/\/www.dmsjuridica.com\/buscador_20179478954\/corteconstitucionalcronologico202454587\/category\/buscar-en-toda-la-corte\/2013\/tutelas-2013\/' title='Tutelas 2013' class='pt-cv-tax-tutelas-2013'>Tutelas 2013<\/a><\/div>\n<h4 class=\"pt-cv-title\"><a href=\"https:\/\/www.dmsjuridica.com\/buscador_20179478954\/corteconstitucionalcronologico202454587\/t-022-13\/\" class=\"_self\" target=\"_self\" >T-022-13<\/a><\/h4>\n<div class=\"pt-cv-content\">\u00a0 \u00a0 \u00a0 \u00a0 \u00a0 \u00a0T-022-13 \u00a0 \u00a0 \u00a0 \u00a0 \u00a0 \u00a0\u00a0 Sentencia T-022\/13 \u00a0 \u00a0\u00a0 ACCION DE TUTELA PARA RECONOCIMIENTO DE PENSION DE INVALIDEZ-Procedencia excepcional por afectaci\u00f3n al m\u00ednimo vital y \u00a0 vida digna de sujetos de especial protecci\u00f3n \u00a0 \u00a0 La accionante es un sujeto de especial protecci\u00f3n \u00a0 constitucional por ser una persona con discapacidad. Adicionalmente, es una \u00a0 madre de familia que no cuenta con ingresos propios suficientes para suplir sus \u00a0 necesidades b\u00e1sicas y las de sus hijos menores de edad porque no puede trabajar \u00a0 por su discapacidad, situaci\u00f3n que la ha obligado a ...<br \/><div class=\"pt-cv-rmwrap\"><a href=\"https:\/\/www.dmsjuridica.com\/buscador_20179478954\/corteconstitucionalcronologico202454587\/t-022-13\/\" class=\"_self pt-cv-readmore btn btn-success\" target=\"_self\">Ver Sentencia Completa...<\/a><\/div><\/div><\/div><\/div>\n<div class=\"col-md-12 col-sm-12 col-xs-12 pt-cv-content-item pt-cv-1-col\" ><div class='pt-cv-ifield'><a href=\"https:\/\/www.dmsjuridica.com\/buscador_20179478954\/corteconstitucionalcronologico202454587\/t-021-13\/\" class=\"_self pt-cv-href-thumbnail pt-cv-thumb-default\" target=\"_self\" ><\/a>\n<div class=\"pt-cv-taxoterm above_title\"><a href='https:\/\/www.dmsjuridica.com\/buscador_20179478954\/corteconstitucionalcronologico202454587\/category\/buscar-en-toda-la-corte\/2013\/tutelas-2013\/' title='Tutelas 2013' class='pt-cv-tax-tutelas-2013'>Tutelas 2013<\/a><\/div>\n<h4 class=\"pt-cv-title\"><a href=\"https:\/\/www.dmsjuridica.com\/buscador_20179478954\/corteconstitucionalcronologico202454587\/t-021-13\/\" class=\"_self\" target=\"_self\" >T-021-13<\/a><\/h4>\n<div class=\"pt-cv-content\">\u00a0 \u00a0 \u00a0 \u00a0 \u00a0 \u00a0T-021-13 \u00a0 \u00a0 \u00a0 \u00a0 \u00a0 \u00a0\u00a0 Sentencia T-021\/13 \u00a0 \u00a0 PENSION DE \u00a0 VEJEZ-Reglas jurisprudenciales para la procedencia de tutela \u00a0 \u00a0 Para que una acci\u00f3n de tutela en la que se pretenda el \u00a0 reconocimiento de derechos pensionales proceda, es necesario que se presenten \u00a0 las siguientes condiciones: a. Que se trate de sujetos de especial protecci\u00f3n \u00a0 constitucional; b. Que la falta de pago de la prestaci\u00f3n o su disminuci\u00f3n, \u00a0 genere un alto grado de afectaci\u00f3n de los derechos fundamentales, en particular \u00a0 del derecho al m\u00ednimo vital; c. Que el ...<br \/><div class=\"pt-cv-rmwrap\"><a href=\"https:\/\/www.dmsjuridica.com\/buscador_20179478954\/corteconstitucionalcronologico202454587\/t-021-13\/\" class=\"_self pt-cv-readmore btn btn-success\" target=\"_self\">Ver Sentencia Completa...<\/a><\/div><\/div><\/div><\/div>\n<div class=\"col-md-12 col-sm-12 col-xs-12 pt-cv-content-item pt-cv-1-col\" ><div class='pt-cv-ifield'><a href=\"https:\/\/www.dmsjuridica.com\/buscador_20179478954\/corteconstitucionalcronologico202454587\/t-020-13\/\" class=\"_self pt-cv-href-thumbnail pt-cv-thumb-default\" target=\"_self\" ><\/a>\n<div class=\"pt-cv-taxoterm above_title\"><a href='https:\/\/www.dmsjuridica.com\/buscador_20179478954\/corteconstitucionalcronologico202454587\/category\/buscar-en-toda-la-corte\/2013\/tutelas-2013\/' title='Tutelas 2013' class='pt-cv-tax-tutelas-2013'>Tutelas 2013<\/a><\/div>\n<h4 class=\"pt-cv-title\"><a href=\"https:\/\/www.dmsjuridica.com\/buscador_20179478954\/corteconstitucionalcronologico202454587\/t-020-13\/\" class=\"_self\" target=\"_self\" >T-020-13<\/a><\/h4>\n<div class=\"pt-cv-content\">\u00a0 \u00a0 \u00a0 \u00a0 \u00a0 \u00a0T-020-13 \u00a0 \u00a0 \u00a0 \u00a0 \u00a0 \u00a0\u00a0 Sentencia T-020\/13 \u00a0 \u00a0 PROTECCION CONSTITUCIONAL DEL DERECHO FUNDAMENTAL A LA \u00a0 SALUD-Reiteraci\u00f3n de jurisprudencia \u00a0 \u00a0 La Corte Constitucional ha desarrollado el car\u00e1cter \u00a0 fundamental de la salud como derecho aut\u00f3nomo, defini\u00e9ndolo como la facultad que tiene todo ser humano de \u00a0 mantener la normalidad org\u00e1nica funcional, tanto f\u00edsica como en el plano de la \u00a0 operatividad mental, y de restablecerse cuando se presente una perturbaci\u00f3n en \u00a0 la estabilidad org\u00e1nica y funcional de su ser\u201d, y garantiz\u00e1ndolo bajo condiciones de \u201coportunidad, \u00a0 continuidad, eficiencia y calidad, ...<br \/><div class=\"pt-cv-rmwrap\"><a href=\"https:\/\/www.dmsjuridica.com\/buscador_20179478954\/corteconstitucionalcronologico202454587\/t-020-13\/\" class=\"_self pt-cv-readmore btn btn-success\" target=\"_self\">Ver Sentencia Completa...<\/a><\/div><\/div><\/div><\/div>\n<div class=\"col-md-12 col-sm-12 col-xs-12 pt-cv-content-item pt-cv-1-col\" ><div class='pt-cv-ifield'><a href=\"https:\/\/www.dmsjuridica.com\/buscador_20179478954\/corteconstitucionalcronologico202454587\/t-019-13\/\" class=\"_self pt-cv-href-thumbnail pt-cv-thumb-default\" target=\"_self\" ><\/a>\n<div class=\"pt-cv-taxoterm above_title\"><a href='https:\/\/www.dmsjuridica.com\/buscador_20179478954\/corteconstitucionalcronologico202454587\/category\/buscar-en-toda-la-corte\/2013\/tutelas-2013\/' title='Tutelas 2013' class='pt-cv-tax-tutelas-2013'>Tutelas 2013<\/a><\/div>\n<h4 class=\"pt-cv-title\"><a href=\"https:\/\/www.dmsjuridica.com\/buscador_20179478954\/corteconstitucionalcronologico202454587\/t-019-13\/\" class=\"_self\" target=\"_self\" >T-019-13<\/a><\/h4>\n<div class=\"pt-cv-content\">\u00a0 \u00a0 \u00a0 \u00a0 \u00a0 \u00a0T-019-13 \u00a0 \u00a0 \u00a0 \u00a0 \u00a0 \u00a0\u00a0 Sentencia T-019\/13 \u00a0 \u00a0 LEGITIMACION \u00a0 EN LA CAUSA POR ACTIVA EN TUTELA DE PERSONA JURIDICA-Municipio puede \u00a0 instaurar tutela como persona jur\u00eddica a trav\u00e9s de su representante legal \u00a0 mediante poder \u00a0 \u00a0 La acci\u00f3n de tutela puede ser \u00a0 promovida, entre otros, por representantes legales de las personas jur\u00eddicas. Al \u00a0 respecto, la jurisprudencia constitucional ha advertido: \u201cAs\u00ed pues, la \u00a0 legitimaci\u00f3n por activa de una persona jur\u00eddica recae sobre su representante, \u00a0 quien tiene la obligaci\u00f3n de manifestar que acude a la acci\u00f3n de tutela ...<br \/><div class=\"pt-cv-rmwrap\"><a href=\"https:\/\/www.dmsjuridica.com\/buscador_20179478954\/corteconstitucionalcronologico202454587\/t-019-13\/\" class=\"_self pt-cv-readmore btn btn-success\" target=\"_self\">Ver Sentencia Completa...<\/a><\/div><\/div><\/div><\/div>\n<div class=\"col-md-12 col-sm-12 col-xs-12 pt-cv-content-item pt-cv-1-col\" ><div class='pt-cv-ifield'><a href=\"https:\/\/www.dmsjuridica.com\/buscador_20179478954\/corteconstitucionalcronologico202454587\/t-018-13\/\" class=\"_self pt-cv-href-thumbnail pt-cv-thumb-default\" target=\"_self\" ><\/a>\n<div class=\"pt-cv-taxoterm above_title\"><a href='https:\/\/www.dmsjuridica.com\/buscador_20179478954\/corteconstitucionalcronologico202454587\/category\/buscar-en-toda-la-corte\/2013\/tutelas-2013\/' title='Tutelas 2013' class='pt-cv-tax-tutelas-2013'>Tutelas 2013<\/a><\/div>\n<h4 class=\"pt-cv-title\"><a href=\"https:\/\/www.dmsjuridica.com\/buscador_20179478954\/corteconstitucionalcronologico202454587\/t-018-13\/\" class=\"_self\" target=\"_self\" >T-018-13<\/a><\/h4>\n<div class=\"pt-cv-content\">\u00a0 \u00a0 \u00a0 \u00a0 \u00a0 \u00a0T-018-13 \u00a0 \u00a0 \u00a0 \u00a0 \u00a0 \u00a0\u00a0 Sentencia T-018\/13 \u00a0 \u00a0 ACCION DE TUTELA PARA OBTENER REINTEGRO LABORAL DE \u00a0 TRABAJADOR DISCAPACITADO QUE GOCE DE ESTABILIDAD LABORAL REFORZADA-Procedencia excepcional \u00a0 \u00a0 ESTABILIDAD LABORAL DE LAS PERSONAS EN CONDICION DE \u00a0 DISCAPACIDAD-Subreglas \u00a0 jurisprudenciales relacionadas con el alcance de la protecci\u00f3n constitucional \u00a0 \u00a0 En el estado actual de la jurisprudencia, el juez constitucional debe verificar \u00a0 cuando est\u00e9 en presencia de una posible vulneraci\u00f3n del derecho a la estabilidad \u00a0 laboral de un disminuido f\u00edsico o sicol\u00f3gico: \u201c(i) Que el peticionario pueda \u00a0 considerarse una ...<br \/><div class=\"pt-cv-rmwrap\"><a href=\"https:\/\/www.dmsjuridica.com\/buscador_20179478954\/corteconstitucionalcronologico202454587\/t-018-13\/\" class=\"_self pt-cv-readmore btn btn-success\" target=\"_self\">Ver Sentencia Completa...<\/a><\/div><\/div><\/div><\/div>\n<div class=\"col-md-12 col-sm-12 col-xs-12 pt-cv-content-item pt-cv-1-col\" ><div class='pt-cv-ifield'><a href=\"https:\/\/www.dmsjuridica.com\/buscador_20179478954\/corteconstitucionalcronologico202454587\/t-017-13\/\" class=\"_self pt-cv-href-thumbnail pt-cv-thumb-default\" target=\"_self\" ><\/a>\n<div class=\"pt-cv-taxoterm above_title\"><a href='https:\/\/www.dmsjuridica.com\/buscador_20179478954\/corteconstitucionalcronologico202454587\/category\/buscar-en-toda-la-corte\/2013\/tutelas-2013\/' title='Tutelas 2013' class='pt-cv-tax-tutelas-2013'>Tutelas 2013<\/a><\/div>\n<h4 class=\"pt-cv-title\"><a href=\"https:\/\/www.dmsjuridica.com\/buscador_20179478954\/corteconstitucionalcronologico202454587\/t-017-13\/\" class=\"_self\" target=\"_self\" >T-017-13<\/a><\/h4>\n<div class=\"pt-cv-content\">Sentencia T-017\/13 \u00a0 \u00a0 REGLAS JURISPRUDENCIALES SOBRE PROCEDENCIA DE ACCION DE \u00a0 TUTELA PARA OBTENER PRESTACIONES EXCLUIDAS DEL POS-Reiteraci\u00f3n de jurisprudencia \u00a0 \u00a0 INCAPACIDAD DE SUFRAGAR DIRECTAMENTE EL COSTO DE \u00a0 MEDICAMENTOS O TRATAMIENTOS REQUERIDOS-Debe \u00a0 acreditarse para ser ordenados excepcionalmente por tutela\/PRINCIPIO DE \u00a0 SOLIDARIDAD FAMILIAR-Familiares tienen la obligaci\u00f3n de colaborar con el \u00a0 costo de medicamentos y servicios prescritos NO POS, cuando se encuentre probada \u00a0 la capacidad econ\u00f3mica de alguno de ellos \u00a0 \u00a0 La idea de que los recursos del \u00a0 Sistema de Seguridad Social en Salud son limitados y normalmente escasos ha \u00a0 llevado a ...<br \/><div class=\"pt-cv-rmwrap\"><a href=\"https:\/\/www.dmsjuridica.com\/buscador_20179478954\/corteconstitucionalcronologico202454587\/t-017-13\/\" class=\"_self pt-cv-readmore btn btn-success\" target=\"_self\">Ver Sentencia Completa...<\/a><\/div><\/div><\/div><\/div>\n<div class=\"col-md-12 col-sm-12 col-xs-12 pt-cv-content-item pt-cv-1-col\" ><div class='pt-cv-ifield'><a href=\"https:\/\/www.dmsjuridica.com\/buscador_20179478954\/corteconstitucionalcronologico202454587\/t-009-13\/\" class=\"_self pt-cv-href-thumbnail pt-cv-thumb-default\" target=\"_self\" ><\/a>\n<div class=\"pt-cv-taxoterm above_title\"><a href='https:\/\/www.dmsjuridica.com\/buscador_20179478954\/corteconstitucionalcronologico202454587\/category\/buscar-en-toda-la-corte\/2013\/tutelas-2013\/' title='Tutelas 2013' class='pt-cv-tax-tutelas-2013'>Tutelas 2013<\/a><\/div>\n<h4 class=\"pt-cv-title\"><a href=\"https:\/\/www.dmsjuridica.com\/buscador_20179478954\/corteconstitucionalcronologico202454587\/t-009-13\/\" class=\"_self\" target=\"_self\" >T-009-13<\/a><\/h4>\n<div class=\"pt-cv-content\">\u00a0 \u00a0 \u00a0 \u00a0 \u00a0 \u00a0T-009-13 \u00a0 \u00a0 \u00a0 \u00a0 \u00a0 \u00a0\u00a0 Sentencia T-009\/13 \u00a0 \u00a0 DERECHO A LA PROPIEDAD COLECTIVA DE GRUPOS \u00a0 ETNICOS SOBRE TERRITORIOS-Reiteraci\u00f3n de jurisprudencia \u00a0 \u00a0 DERECHO A LA PROPIEDAD COLECTIVA DE GRUPOS \u00a0 ETNICOS SOBRE TERRITORIOS-Marco normativo y jurisprudencial del \u00a0 reconocimiento\u00a0 \u00a0 \u00a0 TERRITORIO DE COMUNIDADES INDIGENAS-Protecci\u00f3n y reconocimiento internacional \u00a0 \u00a0 Conscientes de la contribuci\u00f3n de las \u00a0 comunidades \u00e9tnicas al pluralismo de la sociedad, del respeto que merecen \u00e9stas \u00a0 comunidades por sus tradiciones y creencias, de la necesidad de respetar, \u00a0 reconocer y preservar su cultura e identidad, los estados ...<br \/><div class=\"pt-cv-rmwrap\"><a href=\"https:\/\/www.dmsjuridica.com\/buscador_20179478954\/corteconstitucionalcronologico202454587\/t-009-13\/\" class=\"_self pt-cv-readmore btn btn-success\" target=\"_self\">Ver Sentencia Completa...<\/a><\/div><\/div><\/div><\/div>\n<div class=\"col-md-12 col-sm-12 col-xs-12 pt-cv-content-item pt-cv-1-col\" ><div class='pt-cv-ifield'><a href=\"https:\/\/www.dmsjuridica.com\/buscador_20179478954\/corteconstitucionalcronologico202454587\/t-008-13\/\" class=\"_self pt-cv-href-thumbnail pt-cv-thumb-default\" target=\"_self\" ><\/a>\n<div class=\"pt-cv-taxoterm above_title\"><a href='https:\/\/www.dmsjuridica.com\/buscador_20179478954\/corteconstitucionalcronologico202454587\/category\/buscar-en-toda-la-corte\/2013\/tutelas-2013\/' title='Tutelas 2013' class='pt-cv-tax-tutelas-2013'>Tutelas 2013<\/a><\/div>\n<h4 class=\"pt-cv-title\"><a href=\"https:\/\/www.dmsjuridica.com\/buscador_20179478954\/corteconstitucionalcronologico202454587\/t-008-13\/\" class=\"_self\" target=\"_self\" >T-008-13<\/a><\/h4>\n<div class=\"pt-cv-content\">\u00a0 \u00a0 \u00a0 \u00a0 \u00a0 \u00a0T-008-13 \u00a0 \u00a0 \u00a0 \u00a0 \u00a0 \u00a0\u00a0 Sentencia T-008\/13 \u00a0 \u00a0 MATERNIDAD-Fuero constitucional e internacional \u00a0 \u00a0 La protecci\u00f3n del embarazo cobra especial relevancia y efectividad, implicando \u00a0 necesariamente, por los derechos fundamentales en custodia, una estabilidad \u00a0 laboral reforzada para la mujer en estado de gravidez, que a su vez conlleva \u201cla \u00a0 prohibici\u00f3n de ser despedida por raz\u00f3n del mismo\u201d, al ser un criterio \u00a0 discriminatorio que atenta contra el art\u00edculo 13 superior y deviene en \u00a0 afectaci\u00f3n de los derechos de la gestante, de quien est\u00e1 por nacer y de la \u00a0 ...<br \/><div class=\"pt-cv-rmwrap\"><a href=\"https:\/\/www.dmsjuridica.com\/buscador_20179478954\/corteconstitucionalcronologico202454587\/t-008-13\/\" class=\"_self pt-cv-readmore btn btn-success\" target=\"_self\">Ver Sentencia Completa...<\/a><\/div><\/div><\/div><\/div>\n<div class=\"col-md-12 col-sm-12 col-xs-12 pt-cv-content-item pt-cv-1-col\" ><div class='pt-cv-ifield'><a href=\"https:\/\/www.dmsjuridica.com\/buscador_20179478954\/corteconstitucionalcronologico202454587\/t-007-13\/\" class=\"_self pt-cv-href-thumbnail pt-cv-thumb-default\" target=\"_self\" ><\/a>\n<div class=\"pt-cv-taxoterm above_title\"><a href='https:\/\/www.dmsjuridica.com\/buscador_20179478954\/corteconstitucionalcronologico202454587\/category\/buscar-en-toda-la-corte\/2013\/tutelas-2013\/' title='Tutelas 2013' class='pt-cv-tax-tutelas-2013'>Tutelas 2013<\/a><\/div>\n<h4 class=\"pt-cv-title\"><a href=\"https:\/\/www.dmsjuridica.com\/buscador_20179478954\/corteconstitucionalcronologico202454587\/t-007-13\/\" class=\"_self\" target=\"_self\" >T-007-13<\/a><\/h4>\n<div class=\"pt-cv-content\">\u00a0 \u00a0 \u00a0 \u00a0 \u00a0 \u00a0T-007-13 \u00a0 \u00a0 \u00a0 \u00a0 \u00a0 \u00a0\u00a0 Sentencia \u00a0 T-007\/13 \u00a0 \u00a0 ACCION DE TUTELA \u00a0 CONTRA PROVIDENCIAS JUDICIALES PARA INDEXACION DE LA PRIMERA MESADA PENSIONAL-Procedencia excepcional \u00a0 \u00a0 La indexaci\u00f3n se constituye \u00a0 en uno de los instrumentos para hacer frente a los efectos de la inflaci\u00f3n en \u00a0el campo de las obligaciones \u00a0 dinerarias, es decir, de aquellas que deben satisfacerse mediante el pago de una \u00a0 cantidad de moneda determinada -entre las que se cuentan por supuesto, las \u00a0 obligaciones laborales. Lo anterior, en la medida en que la inflaci\u00f3n produce \u00a0 ...<br \/><div class=\"pt-cv-rmwrap\"><a href=\"https:\/\/www.dmsjuridica.com\/buscador_20179478954\/corteconstitucionalcronologico202454587\/t-007-13\/\" class=\"_self pt-cv-readmore btn btn-success\" target=\"_self\">Ver Sentencia Completa...<\/a><\/div><\/div><\/div><\/div>\n<div class=\"col-md-12 col-sm-12 col-xs-12 pt-cv-content-item pt-cv-1-col\" ><div class='pt-cv-ifield'><a href=\"https:\/\/www.dmsjuridica.com\/buscador_20179478954\/corteconstitucionalcronologico202454587\/t-003-13\/\" class=\"_self pt-cv-href-thumbnail pt-cv-thumb-default\" target=\"_self\" ><\/a>\n<div class=\"pt-cv-taxoterm above_title\"><a href='https:\/\/www.dmsjuridica.com\/buscador_20179478954\/corteconstitucionalcronologico202454587\/category\/buscar-en-toda-la-corte\/2013\/tutelas-2013\/' title='Tutelas 2013' class='pt-cv-tax-tutelas-2013'>Tutelas 2013<\/a><\/div>\n<h4 class=\"pt-cv-title\"><a href=\"https:\/\/www.dmsjuridica.com\/buscador_20179478954\/corteconstitucionalcronologico202454587\/t-003-13\/\" class=\"_self\" target=\"_self\" >T-003-13<\/a><\/h4>\n<div class=\"pt-cv-content\">\u00a0 \u00a0 \u00a0 \u00a0 \u00a0 \u00a0T-003-13 \u00a0 \u00a0 \u00a0 \u00a0 \u00a0 \u00a0\u00a0 Sentencia T-003\/13 \u00a0 \u00a0 (Bogot\u00e1, D.C., \u00a0 enero 11) \u00a0 \u00a0 ACCION DE TUTELA PARA RECONOCIMIENTO \u00a0 DE PENSION DE INVALIDEZ-Procedencia excepcional por afectaci\u00f3n al m\u00ednimo \u00a0 vital y vida digna de sujetos de especial protecci\u00f3n \u00a0 \u00a0 PENSION DE INVALIDEZ-Requisitos \u00a0 para obtener reconocimiento y pago \u00a0 \u00a0 Actualmente pueden acceder al derecho a la pensi\u00f3n de \u00a0 invalidez quienes logren demostrar que han perdido el 50% o m\u00e1s de su capacidad \u00a0 laboral y han realizado cotizaciones iguales o superiores a 50 semanas dentro de \u00a0 ...<br \/><div class=\"pt-cv-rmwrap\"><a href=\"https:\/\/www.dmsjuridica.com\/buscador_20179478954\/corteconstitucionalcronologico202454587\/t-003-13\/\" class=\"_self pt-cv-readmore btn btn-success\" target=\"_self\">Ver Sentencia Completa...<\/a><\/div><\/div><\/div><\/div>\n<div class=\"col-md-12 col-sm-12 col-xs-12 pt-cv-content-item pt-cv-1-col\" ><div class='pt-cv-ifield'><a href=\"https:\/\/www.dmsjuridica.com\/buscador_20179478954\/corteconstitucionalcronologico202454587\/t-002-13\/\" class=\"_self pt-cv-href-thumbnail pt-cv-thumb-default\" target=\"_self\" ><\/a>\n<div class=\"pt-cv-taxoterm above_title\"><a href='https:\/\/www.dmsjuridica.com\/buscador_20179478954\/corteconstitucionalcronologico202454587\/category\/buscar-en-toda-la-corte\/2013\/tutelas-2013\/' title='Tutelas 2013' class='pt-cv-tax-tutelas-2013'>Tutelas 2013<\/a><\/div>\n<h4 class=\"pt-cv-title\"><a href=\"https:\/\/www.dmsjuridica.com\/buscador_20179478954\/corteconstitucionalcronologico202454587\/t-002-13\/\" class=\"_self\" target=\"_self\" >T-002-13<\/a><\/h4>\n<div class=\"pt-cv-content\">\u00a0 \u00a0 \u00a0 \u00a0 \u00a0 \u00a0T-002-13 \u00a0 \u00a0 \u00a0 \u00a0 \u00a0 \u00a0\u00a0 Sentencia T-002\/13 \u00a0 \u00a0 (Bogot\u00e1, D.C., \u00a0 enero 11) \u00a0 \u00a0 PENSION DE INVALIDEZ-Requisitos \u00a0 \u00a0 Actualmente pueden acceder al derecho a la pensi\u00f3n de \u00a0 invalidez quienes logren demostrar que han perdido el 50% o m\u00e1s de su capacidad \u00a0 laboral y han realizado cotizaciones iguales o superiores a 50 semanas dentro de \u00a0 los tres a\u00f1os inmediatamente anteriores a la fecha de estructuraci\u00f3n de la \u00a0 invalidez. \u00a0 \u00a0 ACCION DE TUTELA PARA RECONOCIMIENTO \u00a0 DE PENSION DE INVALIDEZ-Procedencia excepcional por afectaci\u00f3n al m\u00ednimo \u00a0 vital ...<br \/><div class=\"pt-cv-rmwrap\"><a href=\"https:\/\/www.dmsjuridica.com\/buscador_20179478954\/corteconstitucionalcronologico202454587\/t-002-13\/\" class=\"_self pt-cv-readmore btn btn-success\" target=\"_self\">Ver Sentencia Completa...<\/a><\/div><\/div><\/div><\/div><\/div><\/div><\/div>\n","protected":false},"excerpt":{"rendered":"","protected":false},"author":1,"featured_media":0,"parent":0,"menu_order":0,"comment_status":"closed","ping_status":"closed","template":"","meta":{"footnotes":""},"class_list":["post-29608","page","type-page","status-publish","hentry"],"_links":{"self":[{"href":"https:\/\/www.dmsjuridica.com\/buscador_20179478954\/corteconstitucionalcronologico202454587\/wp-json\/wp\/v2\/pages\/29608","targetHints":{"allow":["GET"]}}],"collection":[{"href":"https:\/\/www.dmsjuridica.com\/buscador_20179478954\/corteconstitucionalcronologico202454587\/wp-json\/wp\/v2\/pages"}],"about":[{"href":"https:\/\/www.dmsjuridica.com\/buscador_20179478954\/corteconstitucionalcronologico202454587\/wp-json\/wp\/v2\/types\/page"}],"author":[{"embeddable":true,"href":"https:\/\/www.dmsjuridica.com\/buscador_20179478954\/corteconstitucionalcronologico202454587\/wp-json\/wp\/v2\/users\/1"}],"replies":[{"embeddable":true,"href":"https:\/\/www.dmsjuridica.com\/buscador_20179478954\/corteconstitucionalcronologico202454587\/wp-json\/wp\/v2\/comments?post=29608"}],"version-history":[{"count":2,"href":"https:\/\/www.dmsjuridica.com\/buscador_20179478954\/corteconstitucionalcronologico202454587\/wp-json\/wp\/v2\/pages\/29608\/revisions"}],"predecessor-version":[{"id":31414,"href":"https:\/\/www.dmsjuridica.com\/buscador_20179478954\/corteconstitucionalcronologico202454587\/wp-json\/wp\/v2\/pages\/29608\/revisions\/31414"}],"wp:attachment":[{"href":"https:\/\/www.dmsjuridica.com\/buscador_20179478954\/corteconstitucionalcronologico202454587\/wp-json\/wp\/v2\/media?parent=29608"}],"curies":[{"name":"wp","href":"https:\/\/api.w.org\/{rel}","templated":true}]}}