{"id":29618,"date":"2024-07-12T11:53:55","date_gmt":"2024-07-12T16:53:55","guid":{"rendered":"https:\/\/www.dmsjuridica.com\/buscador_20179478954\/corteconstitucionalcronologico202454587\/?page_id=29618"},"modified":"2025-11-27T11:46:58","modified_gmt":"2025-11-27T16:46:58","slug":"tutelas-2018","status":"publish","type":"page","link":"https:\/\/www.dmsjuridica.com\/buscador_20179478954\/corteconstitucionalcronologico202454587\/tutelas-2018\/","title":{"rendered":"Tutelas 2018"},"content":{"rendered":"<div class=\"pt-cv-wrapper\"><div class=\"pt-cv-view pt-cv-grid pt-cv-colsys\" id=\"pt-cv-view-a9b8a8e76s\"><div data-id=\"pt-cv-page-1\" class=\"pt-cv-page\" data-cvc=\"1\"><div class=\"col-md-12 col-sm-12 col-xs-12 pt-cv-content-item pt-cv-1-col\" ><div class='pt-cv-ifield'><a href=\"https:\/\/www.dmsjuridica.com\/buscador_20179478954\/corteconstitucionalcronologico202454587\/t-501-18\/\" class=\"_self pt-cv-href-thumbnail pt-cv-thumb-default\" target=\"_self\" ><\/a>\n<div class=\"pt-cv-taxoterm above_title\"><a href='https:\/\/www.dmsjuridica.com\/buscador_20179478954\/corteconstitucionalcronologico202454587\/category\/buscar-en-toda-la-corte\/2018\/tutelas-2018\/' title='Tutelas 2018' class='pt-cv-tax-tutelas-2018'>Tutelas 2018<\/a><\/div>\n<h4 class=\"pt-cv-title\"><a href=\"https:\/\/www.dmsjuridica.com\/buscador_20179478954\/corteconstitucionalcronologico202454587\/t-501-18\/\" class=\"_self\" target=\"_self\" >T-501-18<\/a><\/h4>\n<div class=\"pt-cv-content\">\u00a0 \u00a0 \u00a0 \u00a0 \u00a0T-501-18 \u00a0 \u00a0 \u00a0 \u00a0 \u00a0 \u00a0\u00a0 Sentencia T-501\/18 \u00a0 \u00a0 DERECHO A LA SEGURIDAD SOCIAL-R\u00e9gimen \u00a0 legal para determinar la forma en que habr\u00e1n de realizarse los pagos de \u00a0 cotizaci\u00f3n para trabajador dependiente y trabajador independiente\u00a0 \u00a0 \u00a0 SISTEMA GENERAL DE PENSIONES-Clasificaci\u00f3n de los afiliados \u00a0 \u00a0 SISTEMA GENERAL DE PENSIONES-Forma en la que se efect\u00faan las cotizaciones y \u00a0 consecuencias de su incumplimiento \u00a0 \u00a0 DERECHO A LA SEGURIDAD SOCIAL-Interpretaci\u00f3n \u00a0 de la Ley 797 de 2003 y el Decreto 3085 de 2007 respecto al pago de aportes al \u00a0 sistema pensional por ...<br \/><div class=\"pt-cv-rmwrap\"><a href=\"https:\/\/www.dmsjuridica.com\/buscador_20179478954\/corteconstitucionalcronologico202454587\/t-501-18\/\" class=\"_self pt-cv-readmore btn btn-success\" target=\"_self\">Ver Sentencia Completa...<\/a><\/div><\/div><\/div><\/div>\n<div class=\"col-md-12 col-sm-12 col-xs-12 pt-cv-content-item pt-cv-1-col\" ><div class='pt-cv-ifield'><a href=\"https:\/\/www.dmsjuridica.com\/buscador_20179478954\/corteconstitucionalcronologico202454587\/t-500-18\/\" class=\"_self pt-cv-href-thumbnail pt-cv-thumb-default\" target=\"_self\" ><\/a>\n<div class=\"pt-cv-taxoterm above_title\"><a href='https:\/\/www.dmsjuridica.com\/buscador_20179478954\/corteconstitucionalcronologico202454587\/category\/buscar-en-toda-la-corte\/2018\/tutelas-2018\/' title='Tutelas 2018' class='pt-cv-tax-tutelas-2018'>Tutelas 2018<\/a><\/div>\n<h4 class=\"pt-cv-title\"><a href=\"https:\/\/www.dmsjuridica.com\/buscador_20179478954\/corteconstitucionalcronologico202454587\/t-500-18\/\" class=\"_self\" target=\"_self\" >T-500-18<\/a><\/h4>\n<div class=\"pt-cv-content\">\u00a0 \u00a0 \u00a0 \u00a0 \u00a0T-500-18 \u00a0 \u00a0 \u00a0 \u00a0 \u00a0 \u00a0\u00a0 Sentencia T-500\/18 \u00a0 \u00a0 DEBIDO PROCESO ADMINISTRATIVO-Principios \u00a0 generales \u00a0 \u00a0 PRINCIPIOS QUE ORIENTAN EL DEBIDO PROCESO ADMINISTRATIVO-Cobran especial relevancia cuando se trata de la facultad \u00a0 sancionadora de la administraci\u00f3n p\u00fablica sobre extranjeros \u00a0 \u00a0 PROCEDIMIENTO ADMINISTRATIVO SANCIONATORIO EN MATERIA MIGRATORIA QUE \u00a0 SE INCIA EN CONTRA DE UN CIUDADANO EXTRANJERO-Est\u00e1ndares \u00a0 constitucionales y legales aplicables \u00a0 \u00a0 DERECHO FUNDAMENTAL AL DEBIDO PROCESO ADMINISTRATIVO-Vulneraci\u00f3n al no garantizar la efectiva vinculaci\u00f3n y participaci\u00f3n \u00a0 de ciudadano extranjero, en la actuaci\u00f3n sancionatoria iniciada en su contra, ni \u00a0 motivar en ...<br \/><div class=\"pt-cv-rmwrap\"><a href=\"https:\/\/www.dmsjuridica.com\/buscador_20179478954\/corteconstitucionalcronologico202454587\/t-500-18\/\" class=\"_self pt-cv-readmore btn btn-success\" target=\"_self\">Ver Sentencia Completa...<\/a><\/div><\/div><\/div><\/div>\n<div class=\"col-md-12 col-sm-12 col-xs-12 pt-cv-content-item pt-cv-1-col\" ><div class='pt-cv-ifield'><a href=\"https:\/\/www.dmsjuridica.com\/buscador_20179478954\/corteconstitucionalcronologico202454587\/t-499-18\/\" class=\"_self pt-cv-href-thumbnail pt-cv-thumb-default\" target=\"_self\" ><\/a>\n<div class=\"pt-cv-taxoterm above_title\"><a href='https:\/\/www.dmsjuridica.com\/buscador_20179478954\/corteconstitucionalcronologico202454587\/category\/buscar-en-toda-la-corte\/2018\/tutelas-2018\/' title='Tutelas 2018' class='pt-cv-tax-tutelas-2018'>Tutelas 2018<\/a><\/div>\n<h4 class=\"pt-cv-title\"><a href=\"https:\/\/www.dmsjuridica.com\/buscador_20179478954\/corteconstitucionalcronologico202454587\/t-499-18\/\" class=\"_self\" target=\"_self\" >T-499-18<\/a><\/h4>\n<div class=\"pt-cv-content\">\u00a0 \u00a0 \u00a0 \u00a0 \u00a0T-499-18 \u00a0 \u00a0 \u00a0 \u00a0 \u00a0 \u00a0\u00a0 Sentencia T-499\/18 \u00a0 \u00a0 ACCION DE TUTELA PARA LA PROTECCION DEL DERECHO A LA CONSULTA PREVIA-\u00danico mecanismo \u00a0 judicial eficaz para garantizar que los pueblos ind\u00edgenas sean consultados \u00a0 \u00a0 AFROCOLOMBIANOS Y SUS COMUNIDADES COMO TITULARES INDIVIDUALES Y COLECTIVOS DE \u00a0 DERECHOS FUNDAMENTALES-Fundamentos normativos y jurisprudencia \u00a0 constitucional \u00a0 \u00a0 CONVENIO 169 DE LA OIT Y BLOQUE DE CONSTITUCIONALIDAD-Fundamento del derecho a la \u00a0 consulta previa \u00a0 \u00a0 CONSULTA PREVIA-Afectaci\u00f3n \u00a0 directa para determinar su procedencia \u00a0 \u00a0 CONSULTA PREVIA-Criterios \u00a0 utilizados para identificar en qu\u00e9 casos procede por ...<br \/><div class=\"pt-cv-rmwrap\"><a href=\"https:\/\/www.dmsjuridica.com\/buscador_20179478954\/corteconstitucionalcronologico202454587\/t-499-18\/\" class=\"_self pt-cv-readmore btn btn-success\" target=\"_self\">Ver Sentencia Completa...<\/a><\/div><\/div><\/div><\/div>\n<div class=\"col-md-12 col-sm-12 col-xs-12 pt-cv-content-item pt-cv-1-col\" ><div class='pt-cv-ifield'><a href=\"https:\/\/www.dmsjuridica.com\/buscador_20179478954\/corteconstitucionalcronologico202454587\/t-497-18\/\" class=\"_self pt-cv-href-thumbnail pt-cv-thumb-default\" target=\"_self\" ><\/a>\n<div class=\"pt-cv-taxoterm above_title\"><a href='https:\/\/www.dmsjuridica.com\/buscador_20179478954\/corteconstitucionalcronologico202454587\/category\/buscar-en-toda-la-corte\/2018\/tutelas-2018\/' title='Tutelas 2018' class='pt-cv-tax-tutelas-2018'>Tutelas 2018<\/a><\/div>\n<h4 class=\"pt-cv-title\"><a href=\"https:\/\/www.dmsjuridica.com\/buscador_20179478954\/corteconstitucionalcronologico202454587\/t-497-18\/\" class=\"_self\" target=\"_self\" >T-497-18<\/a><\/h4>\n<div class=\"pt-cv-content\">\u00a0 \u00a0 \u00a0 \u00a0 \u00a0T-497-18 \u00a0 \u00a0 \u00a0 \u00a0 \u00a0 \u00a0\u00a0 Sentencia T-497\/18 \u00a0 \u00a0 COMITE DE \u00a0 DERECHOS ECONOMICOS, SOCIALES Y CULTURALES-Contenido del \u00a0 derecho a la educaci\u00f3n \u00a0 \u00a0 ACCESIBILIDAD \u00a0 COMO COMPONENTE ESENCIAL DEL DERECHO A LA EDUCACION \u00a0 \u00a0 EDUCACION BASICA \u00a0 REGULAR Y CICLOS LECTIVOS ESPECIALES INTEGRADOS-Equiparaci\u00f3n y \u00a0 marco normativo \u00a0 \u00a0 MANUAL DE \u00a0 CONVIVENCIA Y DEBER DE SOMETERSE A LAS REGLAS DEL DEBIDO PROCESO EN SU \u00a0 APLICACION-Las normas consignadas en los manuales de convivencia \u00a0 deben respetar las reglas constitucionales del debido proceso \u00a0 \u00a0 DERECHO A LA \u00a0 EDUCACION Y ...<br \/><div class=\"pt-cv-rmwrap\"><a href=\"https:\/\/www.dmsjuridica.com\/buscador_20179478954\/corteconstitucionalcronologico202454587\/t-497-18\/\" class=\"_self pt-cv-readmore btn btn-success\" target=\"_self\">Ver Sentencia Completa...<\/a><\/div><\/div><\/div><\/div>\n<div class=\"col-md-12 col-sm-12 col-xs-12 pt-cv-content-item pt-cv-1-col\" ><div class='pt-cv-ifield'><a href=\"https:\/\/www.dmsjuridica.com\/buscador_20179478954\/corteconstitucionalcronologico202454587\/t-496-18\/\" class=\"_self pt-cv-href-thumbnail pt-cv-thumb-default\" target=\"_self\" ><\/a>\n<div class=\"pt-cv-taxoterm above_title\"><a href='https:\/\/www.dmsjuridica.com\/buscador_20179478954\/corteconstitucionalcronologico202454587\/category\/buscar-en-toda-la-corte\/2018\/tutelas-2018\/' title='Tutelas 2018' class='pt-cv-tax-tutelas-2018'>Tutelas 2018<\/a><\/div>\n<h4 class=\"pt-cv-title\"><a href=\"https:\/\/www.dmsjuridica.com\/buscador_20179478954\/corteconstitucionalcronologico202454587\/t-496-18\/\" class=\"_self\" target=\"_self\" >T-496-18<\/a><\/h4>\n<div class=\"pt-cv-content\">\u00a0 \u00a0 \u00a0 \u00a0 \u00a0T-496-18 \u00a0 \u00a0 \u00a0 \u00a0 \u00a0 \u00a0\u00a0 Sentencia \u00a0 T-496\/18 \u00a0 \u00a0 CUMPLIMIENTO DE SENTENCIA EN PROCESO \u00a0 DE PERTENENCIA RURAL\/TERRENOS BALDIOS ADJUDICABLES SOLO PUEDEN ADQUIRIRSE POR \u00a0 TITULO OTORGADO POR EL INCODER \u00a0 \u00a0 ACCION DE TUTELA \u00a0 CONTRA PROVIDENCIAS JUDICIALES-Requisitos \u00a0 generales y especiales de procedibilidad \u00a0 \u00a0 ACCION DE TUTELA \u00a0 CONTRA ACTOS ADMINISTRATIVOS-Reiteraci\u00f3n de \u00a0 jurisprudencia sobre procedencia excepcional \u00a0 \u00a0 CUMPLIMIENTO DE FALLOS JUDICIALES-Reiteraci\u00f3n \u00a0 de jurisprudencia\/CUMPLIMIENTO DE FALLOS JUDICIALES-Criterios para \u00a0 valorar la legitimidad de un incumplimiento \u00a0 \u00a0 REGIMEN JURIDICO \u00a0 APLICABLE A BIENES BALDIOS \u00a0 \u00a0 BIENES \u00a0 ...<br \/><div class=\"pt-cv-rmwrap\"><a href=\"https:\/\/www.dmsjuridica.com\/buscador_20179478954\/corteconstitucionalcronologico202454587\/t-496-18\/\" class=\"_self pt-cv-readmore btn btn-success\" target=\"_self\">Ver Sentencia Completa...<\/a><\/div><\/div><\/div><\/div>\n<div class=\"col-md-12 col-sm-12 col-xs-12 pt-cv-content-item pt-cv-1-col\" ><div class='pt-cv-ifield'><a href=\"https:\/\/www.dmsjuridica.com\/buscador_20179478954\/corteconstitucionalcronologico202454587\/t-495-18\/\" class=\"_self pt-cv-href-thumbnail pt-cv-thumb-default\" target=\"_self\" ><\/a>\n<div class=\"pt-cv-taxoterm above_title\"><a href='https:\/\/www.dmsjuridica.com\/buscador_20179478954\/corteconstitucionalcronologico202454587\/category\/buscar-en-toda-la-corte\/2018\/tutelas-2018\/' title='Tutelas 2018' class='pt-cv-tax-tutelas-2018'>Tutelas 2018<\/a><\/div>\n<h4 class=\"pt-cv-title\"><a href=\"https:\/\/www.dmsjuridica.com\/buscador_20179478954\/corteconstitucionalcronologico202454587\/t-495-18\/\" class=\"_self\" target=\"_self\" >T-495-18<\/a><\/h4>\n<div class=\"pt-cv-content\">\u00a0 \u00a0 \u00a0 \u00a0 \u00a0T-495-18 \u00a0 \u00a0 \u00a0 \u00a0 \u00a0 \u00a0\u00a0 Sentencia \u00a0 T-495\/18 \u00a0 \u00a0 DERECHO \u00a0 FUNDAMENTAL A LA SEGURIDAD SOCIAL EN PENSIONES Y LA IMPORTANCIA DE LA PENSION DE \u00a0 INVALIDEZ\u00a0 \u00a0 \u00a0 REVOCATORIA \u00a0 DIRECTA DE ACTO ADMINISTRATIVO DE RECONOCIMIENTO DE PENSION-Jurisprudencia \u00a0 constitucional \u00a0 \u00a0 REVOCATORIA \u00a0 DIRECTA DE ACTO ADMINISTRATIVO DE RECONOCIMIENTO DE PENSION-Reglas \u00a0 jurisprudenciales \u00a0 \u00a0 Las instituciones de seguridad social solo pueden revocar directamente un acto \u00a0 administrativo contentivo de un derecho pensional o suspender el pago de las \u00a0 correspondientes mesadas, cuando:\u00a0(i)\u00a0han determinado razonablemente que la \u00a0 conducta irregular desplegada ...<br \/><div class=\"pt-cv-rmwrap\"><a href=\"https:\/\/www.dmsjuridica.com\/buscador_20179478954\/corteconstitucionalcronologico202454587\/t-495-18\/\" class=\"_self pt-cv-readmore btn btn-success\" target=\"_self\">Ver Sentencia Completa...<\/a><\/div><\/div><\/div><\/div>\n<div class=\"col-md-12 col-sm-12 col-xs-12 pt-cv-content-item pt-cv-1-col\" ><div class='pt-cv-ifield'><a href=\"https:\/\/www.dmsjuridica.com\/buscador_20179478954\/corteconstitucionalcronologico202454587\/t-494-18\/\" class=\"_self pt-cv-href-thumbnail pt-cv-thumb-default\" target=\"_self\" ><\/a>\n<div class=\"pt-cv-taxoterm above_title\"><a href='https:\/\/www.dmsjuridica.com\/buscador_20179478954\/corteconstitucionalcronologico202454587\/category\/buscar-en-toda-la-corte\/2018\/tutelas-2018\/' title='Tutelas 2018' class='pt-cv-tax-tutelas-2018'>Tutelas 2018<\/a><\/div>\n<h4 class=\"pt-cv-title\"><a href=\"https:\/\/www.dmsjuridica.com\/buscador_20179478954\/corteconstitucionalcronologico202454587\/t-494-18\/\" class=\"_self\" target=\"_self\" >T-494-18<\/a><\/h4>\n<div class=\"pt-cv-content\">\u00a0 \u00a0 \u00a0 \u00a0 \u00a0T-494-18 \u00a0 \u00a0 \u00a0 \u00a0 \u00a0 \u00a0\u00a0 Sentencia T-494\/18 \u00a0 \u00a0 DERECHO A LA ESTABILIDAD LABORAL REFORZADA DE PERSONA EN ESTADO DE DEBILIDAD \u00a0 MANIFIESTA POR RAZONES DE SALUD-Requisitos \u00a0 \u00a0 PRESUNCION DE DESPIDO DISCRIMINATORIO Y PROTECCION A LA ESTABILIDAD LABORAL \u00a0 REFORZADA\u00a0 \u00a0 \u00a0 DERECHO A LA ESTABILIDAD LABORAL REFORZADA DE PERSONA EN ESTADO DE DEBILIDAD \u00a0 MANIFIESTA POR RAZONES DE SALUD MENTAL-Orden de reintegrar al accionante y \u00a0 reubicarlo en un cargo que preserve y atienda su estado de salud y potencialice \u00a0 su desempe\u00f1o profesional \u00a0 \u00a0 Referencia: Expediente T-6.683.184 \u00a0 \u00a0 Acci\u00f3n ...<br \/><div class=\"pt-cv-rmwrap\"><a href=\"https:\/\/www.dmsjuridica.com\/buscador_20179478954\/corteconstitucionalcronologico202454587\/t-494-18\/\" class=\"_self pt-cv-readmore btn btn-success\" target=\"_self\">Ver Sentencia Completa...<\/a><\/div><\/div><\/div><\/div>\n<div class=\"col-md-12 col-sm-12 col-xs-12 pt-cv-content-item pt-cv-1-col\" ><div class='pt-cv-ifield'><a href=\"https:\/\/www.dmsjuridica.com\/buscador_20179478954\/corteconstitucionalcronologico202454587\/t-493-18\/\" class=\"_self pt-cv-href-thumbnail pt-cv-thumb-default\" target=\"_self\" ><\/a>\n<div class=\"pt-cv-taxoterm above_title\"><a href='https:\/\/www.dmsjuridica.com\/buscador_20179478954\/corteconstitucionalcronologico202454587\/category\/buscar-en-toda-la-corte\/2018\/tutelas-2018\/' title='Tutelas 2018' class='pt-cv-tax-tutelas-2018'>Tutelas 2018<\/a><\/div>\n<h4 class=\"pt-cv-title\"><a href=\"https:\/\/www.dmsjuridica.com\/buscador_20179478954\/corteconstitucionalcronologico202454587\/t-493-18\/\" class=\"_self\" target=\"_self\" >T-493-18<\/a><\/h4>\n<div class=\"pt-cv-content\">\u00a0 \u00a0 \u00a0 \u00a0 \u00a0T-493-18 \u00a0 \u00a0 \u00a0 \u00a0 \u00a0 \u00a0\u00a0 Sentencia \u00a0 T-493\/18 \u00a0 \u00a0 DERECHO A LA ESTABILIDAD LABORAL \u00a0 REFORZADA DE SOLDADO RETIRADO DEL SERVICIO-Procedencia \u00a0 de la acci\u00f3n de tutela \u00a0 \u00a0 DERECHO A LA ESTABILIDAD LABORAL \u00a0 REFORZADA DE SOLDADO RETIRADO DEL SERVICIO-Reglas \u00a0 jurisprudenciales \u00a0 \u00a0 Primero, las \u00a0 personas que han visto reducida su capacidad laboral son sujetos de especial \u00a0 protecci\u00f3n constitucional y tal estatus adquiere un valor particular cuando se \u00a0 trata de un miembro de la Fuerza P\u00fablica. Cuando una persona est\u00e1 dispuesta a \u00a0 sacrificar su vida, su cuerpo ...<br \/><div class=\"pt-cv-rmwrap\"><a href=\"https:\/\/www.dmsjuridica.com\/buscador_20179478954\/corteconstitucionalcronologico202454587\/t-493-18\/\" class=\"_self pt-cv-readmore btn btn-success\" target=\"_self\">Ver Sentencia Completa...<\/a><\/div><\/div><\/div><\/div>\n<div class=\"col-md-12 col-sm-12 col-xs-12 pt-cv-content-item pt-cv-1-col\" ><div class='pt-cv-ifield'><a href=\"https:\/\/www.dmsjuridica.com\/buscador_20179478954\/corteconstitucionalcronologico202454587\/t-492-18\/\" class=\"_self pt-cv-href-thumbnail pt-cv-thumb-default\" target=\"_self\" ><\/a>\n<div class=\"pt-cv-taxoterm above_title\"><a href='https:\/\/www.dmsjuridica.com\/buscador_20179478954\/corteconstitucionalcronologico202454587\/category\/buscar-en-toda-la-corte\/2018\/tutelas-2018\/' title='Tutelas 2018' class='pt-cv-tax-tutelas-2018'>Tutelas 2018<\/a><\/div>\n<h4 class=\"pt-cv-title\"><a href=\"https:\/\/www.dmsjuridica.com\/buscador_20179478954\/corteconstitucionalcronologico202454587\/t-492-18\/\" class=\"_self\" target=\"_self\" >T-492-18<\/a><\/h4>\n<div class=\"pt-cv-content\">\u00a0 \u00a0 \u00a0 \u00a0 \u00a0T-492-18 \u00a0 \u00a0 \u00a0 \u00a0 \u00a0 \u00a0\u00a0 Sentencia T-492\/18 \u00a0 \u00a0 INDEMNIZACION SUSTITUTIVA DE PENSION DE VEJEZ-Casos \u00a0 en que se realizaron las cotizaciones y se prestaron los servicios con \u00a0 anterioridad a la vigencia del art\u00edculo 37 de la ley 100\/93 \u00a0 \u00a0 INDEMNIZACION SUSTITUTIVA DE PENSION DE VEJEZ-Entidades \u00a0 encargadas de su reconocimiento deben tener en cuenta semanas cotizadas con \u00a0 anterioridad a vigencia de la Ley 100\/93 \u00a0 \u00a0 DERECHO A LA INDEMNIZACION SUSTITUTIVA DE LA PENSION DE VEJEZ-Orden a entidad accionada de reconocer y pagar indemnizaci\u00f3n \u00a0 sustitutiva de la pensi\u00f3n de ...<br \/><div class=\"pt-cv-rmwrap\"><a href=\"https:\/\/www.dmsjuridica.com\/buscador_20179478954\/corteconstitucionalcronologico202454587\/t-492-18\/\" class=\"_self pt-cv-readmore btn btn-success\" target=\"_self\">Ver Sentencia Completa...<\/a><\/div><\/div><\/div><\/div>\n<div class=\"col-md-12 col-sm-12 col-xs-12 pt-cv-content-item pt-cv-1-col\" ><div class='pt-cv-ifield'><a href=\"https:\/\/www.dmsjuridica.com\/buscador_20179478954\/corteconstitucionalcronologico202454587\/t-491-18\/\" class=\"_self pt-cv-href-thumbnail pt-cv-thumb-default\" target=\"_self\" ><\/a>\n<div class=\"pt-cv-taxoterm above_title\"><a href='https:\/\/www.dmsjuridica.com\/buscador_20179478954\/corteconstitucionalcronologico202454587\/category\/buscar-en-toda-la-corte\/2018\/tutelas-2018\/' title='Tutelas 2018' class='pt-cv-tax-tutelas-2018'>Tutelas 2018<\/a><\/div>\n<h4 class=\"pt-cv-title\"><a href=\"https:\/\/www.dmsjuridica.com\/buscador_20179478954\/corteconstitucionalcronologico202454587\/t-491-18\/\" class=\"_self\" target=\"_self\" >T-491-18<\/a><\/h4>\n<div class=\"pt-cv-content\">\u00a0 \u00a0 \u00a0 \u00a0 \u00a0T-491-18 \u00a0 \u00a0 \u00a0 \u00a0 \u00a0 \u00a0\u00a0 NOTA DE RELATORIA: Mediante \u00a0 auto 524 de fecha 24 de septiembre de 2019, el cual se anexa en la parte final \u00a0 de la presente providencia, se corrigen los numerales vig\u00e9simo quinto y \u00a0 trig\u00e9simo s\u00e9ptimo de su parte resolutiva.\u00a0 \u00a0 \u00a0 Sentencia T-491\/18 \u00a0 \u00a0 DERECHO FUNDAMENTAL A LA SALUD-Car\u00e1cter aut\u00f3nomo e \u00a0 irrenunciable\u00a0 \u00a0 \u00a0 DERECHO A LA SALUD DEL ADULTO MAYOR-Protecci\u00f3n reforzada por ser sujeto de especial protecci\u00f3n \u00a0 constitucional \u00a0 \u00a0 PRINCIPIO DE INTEGRALIDAD EN LA PRESTACION DEL SERVICIO \u00a0 DE SALUD-La prestaci\u00f3n del ...<br \/><div class=\"pt-cv-rmwrap\"><a href=\"https:\/\/www.dmsjuridica.com\/buscador_20179478954\/corteconstitucionalcronologico202454587\/t-491-18\/\" class=\"_self pt-cv-readmore btn btn-success\" target=\"_self\">Ver Sentencia Completa...<\/a><\/div><\/div><\/div><\/div>\n<div class=\"col-md-12 col-sm-12 col-xs-12 pt-cv-content-item pt-cv-1-col\" ><div class='pt-cv-ifield'><a href=\"https:\/\/www.dmsjuridica.com\/buscador_20179478954\/corteconstitucionalcronologico202454587\/t-490-18\/\" class=\"_self pt-cv-href-thumbnail pt-cv-thumb-default\" target=\"_self\" ><\/a>\n<div class=\"pt-cv-taxoterm above_title\"><a href='https:\/\/www.dmsjuridica.com\/buscador_20179478954\/corteconstitucionalcronologico202454587\/category\/buscar-en-toda-la-corte\/2018\/tutelas-2018\/' title='Tutelas 2018' class='pt-cv-tax-tutelas-2018'>Tutelas 2018<\/a><\/div>\n<h4 class=\"pt-cv-title\"><a href=\"https:\/\/www.dmsjuridica.com\/buscador_20179478954\/corteconstitucionalcronologico202454587\/t-490-18\/\" class=\"_self\" target=\"_self\" >T-490-18<\/a><\/h4>\n<div class=\"pt-cv-content\">\u00a0 \u00a0 \u00a0 \u00a0 \u00a0T-490-18 \u00a0 \u00a0 \u00a0 \u00a0 \u00a0 \u00a0\u00a0 Sentencia \u00a0 T-490\/18 \u00a0 \u00a0 DERECHO DE PETICION ANTE PARTICULARES-Procedencia \u00a0 \u00a0 DERECHO \u00a0 A LA HONRA Y AL BUEN NOMBRE-Concepto\/DERECHO \u00a0 A LA HONRA Y AL BUEN NOMBRE-Alcance constitucional \u00a0 \u00a0 DERECHO AL HABEAS DATA-Contenido \u00a0 \u00a0 DERECHO AL HABEAS DATA EN TRATAMIENTO DE DATOS PERSONALES-Principios y garant\u00edas constitucionales \u00a0 \u00a0 DERECHO AL HABEAS DATA-Marco normativo de su protecci\u00f3n dentro de las instituciones educativas \u00a0 \u00a0 DERECHO DE PETICION ANTE INSTITUCION EDUCATIVA-Orden al rector del colegio responder de \u00a0 fondo una de las peticiones del accionante \u00a0 \u00a0 ...<br \/><div class=\"pt-cv-rmwrap\"><a href=\"https:\/\/www.dmsjuridica.com\/buscador_20179478954\/corteconstitucionalcronologico202454587\/t-490-18\/\" class=\"_self pt-cv-readmore btn btn-success\" target=\"_self\">Ver Sentencia Completa...<\/a><\/div><\/div><\/div><\/div>\n<div class=\"col-md-12 col-sm-12 col-xs-12 pt-cv-content-item pt-cv-1-col\" ><div class='pt-cv-ifield'><a href=\"https:\/\/www.dmsjuridica.com\/buscador_20179478954\/corteconstitucionalcronologico202454587\/t-489-18\/\" class=\"_self pt-cv-href-thumbnail pt-cv-thumb-default\" target=\"_self\" ><\/a>\n<div class=\"pt-cv-taxoterm above_title\"><a href='https:\/\/www.dmsjuridica.com\/buscador_20179478954\/corteconstitucionalcronologico202454587\/category\/buscar-en-toda-la-corte\/2018\/tutelas-2018\/' title='Tutelas 2018' class='pt-cv-tax-tutelas-2018'>Tutelas 2018<\/a><\/div>\n<h4 class=\"pt-cv-title\"><a href=\"https:\/\/www.dmsjuridica.com\/buscador_20179478954\/corteconstitucionalcronologico202454587\/t-489-18\/\" class=\"_self\" target=\"_self\" >T-489-18<\/a><\/h4>\n<div class=\"pt-cv-content\">\u00a0 \u00a0 \u00a0 \u00a0 \u00a0T-489-18 \u00a0 \u00a0 \u00a0 \u00a0 \u00a0 \u00a0\u00a0 Sentencia T-489\/18 \u00a0 \u00a0 LICENCIA DE MATERNIDAD-Naturaleza y finalidad \u00a0 \u00a0 LICENCIA DE MATERNIDAD-Requisitos para el reconocimiento y pago \u00a0 \u00a0 CONTRATO DE CESION-Naturaleza \u00a0 jur\u00eddica \u00a0 \u00a0 CESION EN MATERIA DE CREDITOS O DE CONTRATOS-Jurisprudencia de \u00a0 la Corte Suprema de Justicia \u00a0 \u00a0 DERECHO AL PAGO \u00a0 DE LICENCIA DE MATERNIDAD-Orden a EPS de reconocer y pagar licencia \u00a0 de maternidad a la accionante, por haber cotizado ininterrumpidamente como \u00a0 independiente \u00a0 \u00a0 Referencia: \u00a0 Expediente T-6.683.302 \u00a0 \u00a0 Acci\u00f3n \u00a0 de tutela instaurada por Ana Isabel ...<br \/><div class=\"pt-cv-rmwrap\"><a href=\"https:\/\/www.dmsjuridica.com\/buscador_20179478954\/corteconstitucionalcronologico202454587\/t-489-18\/\" class=\"_self pt-cv-readmore btn btn-success\" target=\"_self\">Ver Sentencia Completa...<\/a><\/div><\/div><\/div><\/div>\n<div class=\"col-md-12 col-sm-12 col-xs-12 pt-cv-content-item pt-cv-1-col\" ><div class='pt-cv-ifield'><a href=\"https:\/\/www.dmsjuridica.com\/buscador_20179478954\/corteconstitucionalcronologico202454587\/t-488-18\/\" class=\"_self pt-cv-href-thumbnail pt-cv-thumb-default\" target=\"_self\" ><\/a>\n<div class=\"pt-cv-taxoterm above_title\"><a href='https:\/\/www.dmsjuridica.com\/buscador_20179478954\/corteconstitucionalcronologico202454587\/category\/buscar-en-toda-la-corte\/2018\/tutelas-2018\/' title='Tutelas 2018' class='pt-cv-tax-tutelas-2018'>Tutelas 2018<\/a><\/div>\n<h4 class=\"pt-cv-title\"><a href=\"https:\/\/www.dmsjuridica.com\/buscador_20179478954\/corteconstitucionalcronologico202454587\/t-488-18\/\" class=\"_self\" target=\"_self\" >T-488-18<\/a><\/h4>\n<div class=\"pt-cv-content\">\u00a0 \u00a0 \u00a0 \u00a0 \u00a0T-488-18 \u00a0 \u00a0 \u00a0 \u00a0 \u00a0 \u00a0\u00a0 Sentencia T-488\/18 \u00a0 \u00a0 INSCRIPCION EN EL REGISTRO UNICO DE VICTIMAS-Caso en que se neg\u00f3 inclusi\u00f3n en el RUV \u00a0 \u00a0 VICTIMAS DEL CONFLICTO ARMADO INTERNO-Procedencia de tutela por ser sujetos de especial \u00a0 protecci\u00f3n constitucional \u00a0 \u00a0 VICTIMAS DEL CONFLICTO ARMADO-Alcance del concepto contenido en la Ley 1448 de 2011 \u00a0 \u00a0 REGISTRO UNICO DE VICTIMAS-Inscripci\u00f3n en el Registro \u00danico de V\u00edctimas como \u00a0 derecho fundamental \u00a0 \u00a0 REGISTRO UNICO DE VICTIMAS-Reglas jurisprudenciales para inscripci\u00f3n \u00a0 \u00a0 INSCRIPCION EN EL REGISTRO UNICO DE VICTIMAS-Orden a la UARIV realizar ...<br \/><div class=\"pt-cv-rmwrap\"><a href=\"https:\/\/www.dmsjuridica.com\/buscador_20179478954\/corteconstitucionalcronologico202454587\/t-488-18\/\" class=\"_self pt-cv-readmore btn btn-success\" target=\"_self\">Ver Sentencia Completa...<\/a><\/div><\/div><\/div><\/div>\n<div class=\"col-md-12 col-sm-12 col-xs-12 pt-cv-content-item pt-cv-1-col\" ><div class='pt-cv-ifield'><a href=\"https:\/\/www.dmsjuridica.com\/buscador_20179478954\/corteconstitucionalcronologico202454587\/t-487-18\/\" class=\"_self pt-cv-href-thumbnail pt-cv-thumb-default\" target=\"_self\" ><\/a>\n<div class=\"pt-cv-taxoterm above_title\"><a href='https:\/\/www.dmsjuridica.com\/buscador_20179478954\/corteconstitucionalcronologico202454587\/category\/buscar-en-toda-la-corte\/2018\/tutelas-2018\/' title='Tutelas 2018' class='pt-cv-tax-tutelas-2018'>Tutelas 2018<\/a><\/div>\n<h4 class=\"pt-cv-title\"><a href=\"https:\/\/www.dmsjuridica.com\/buscador_20179478954\/corteconstitucionalcronologico202454587\/t-487-18\/\" class=\"_self\" target=\"_self\" >T-487-18<\/a><\/h4>\n<div class=\"pt-cv-content\">\u00a0 \u00a0 \u00a0 \u00a0 \u00a0T-487-18 \u00a0 \u00a0 \u00a0 \u00a0 \u00a0 \u00a0\u00a0 Sentencia T-487\/18 \u00a0 \u00a0 ACCION DE TUTELA PARA RECLAMAR EL \u00a0 RECONOCIMIENTO Y PAGO DE DERECHOS PENSIONALES-Procedencia excepcional \u00a0 \u00a0 ACCION DE TUTELA CONTRA PROVIDENCIAS \u00a0 JUDICIALES POR DEFECTO \"ERROR INDUCIDO\" O \"VIA DE HECHO POR CONSECUENCIA\"-Configuraci\u00f3n \u00a0 \u00a0 RECONOCIMIENTO DE LA SUSTITUCION PENSIONAL \u00a0 CONFORME AL ARTICULO 13 DE LA LEY 797 DE 2003-Marco normativo \u00a0 \u00a0 SUSTITUCION PENSIONAL-Finalidad \u00a0 \u00a0 Se colige respecto de la finalidad de esta \u00a0 prestaci\u00f3n social y de las exigencias para acceder a la misma, que: (i) el \u00a0 legislador ha establecido ...<br \/><div class=\"pt-cv-rmwrap\"><a href=\"https:\/\/www.dmsjuridica.com\/buscador_20179478954\/corteconstitucionalcronologico202454587\/t-487-18\/\" class=\"_self pt-cv-readmore btn btn-success\" target=\"_self\">Ver Sentencia Completa...<\/a><\/div><\/div><\/div><\/div>\n<div class=\"col-md-12 col-sm-12 col-xs-12 pt-cv-content-item pt-cv-1-col\" ><div class='pt-cv-ifield'><a href=\"https:\/\/www.dmsjuridica.com\/buscador_20179478954\/corteconstitucionalcronologico202454587\/t-486-18\/\" class=\"_self pt-cv-href-thumbnail pt-cv-thumb-default\" target=\"_self\" ><\/a>\n<div class=\"pt-cv-taxoterm above_title\"><a href='https:\/\/www.dmsjuridica.com\/buscador_20179478954\/corteconstitucionalcronologico202454587\/category\/buscar-en-toda-la-corte\/2018\/tutelas-2018\/' title='Tutelas 2018' class='pt-cv-tax-tutelas-2018'>Tutelas 2018<\/a><\/div>\n<h4 class=\"pt-cv-title\"><a href=\"https:\/\/www.dmsjuridica.com\/buscador_20179478954\/corteconstitucionalcronologico202454587\/t-486-18\/\" class=\"_self\" target=\"_self\" >T-486-18<\/a><\/h4>\n<div class=\"pt-cv-content\">\u00a0 \u00a0 \u00a0 \u00a0 \u00a0T-486-18 \u00a0 \u00a0 \u00a0 \u00a0 \u00a0 \u00a0\u00a0 Sentencia T-486\/18 \u00a0 \u00a0 ACCION DE TUTELA \u00a0 CONTRA PROVIDENCIAS JUDICIALES-Improcedencia por cuanto no hay desconocimiento \u00a0 del precedente ni se incurri\u00f3 en defecto f\u00e1ctico en proceso de reparaci\u00f3n \u00a0 directa \u00a0 \u00a0 ACCION DE TUTELA CONTRA PROVIDENCIAS JUDICIALES-Requisitos generales \u00a0 y especiales de procedibilidad \u00a0 \u00a0 VALOR VINCULANTE DEL PRECEDENTE JUDICIAL DE \u00a0 ORGANOS DE CIERRE JURISDICCIONAL Y POSIBILIDAD DE APARTAMIENTO-Jurisprudencia \u00a0 constitucional \u00a0 \u00a0 PRECEDENTE JUDICIAL-Jueces pueden apartarse si exponen razones que \u00a0 justifiquen su decisi\u00f3n \u00a0 \u00a0 GUARDA MATERIAL DE LA ACTIVIDAD PELIGROSA-Jurisprudencia del \u00a0 Consejo ...<br \/><div class=\"pt-cv-rmwrap\"><a href=\"https:\/\/www.dmsjuridica.com\/buscador_20179478954\/corteconstitucionalcronologico202454587\/t-486-18\/\" class=\"_self pt-cv-readmore btn btn-success\" target=\"_self\">Ver Sentencia Completa...<\/a><\/div><\/div><\/div><\/div>\n<div class=\"col-md-12 col-sm-12 col-xs-12 pt-cv-content-item pt-cv-1-col\" ><div class='pt-cv-ifield'><a href=\"https:\/\/www.dmsjuridica.com\/buscador_20179478954\/corteconstitucionalcronologico202454587\/t-485-18\/\" class=\"_self pt-cv-href-thumbnail pt-cv-thumb-default\" target=\"_self\" ><\/a>\n<div class=\"pt-cv-taxoterm above_title\"><a href='https:\/\/www.dmsjuridica.com\/buscador_20179478954\/corteconstitucionalcronologico202454587\/category\/buscar-en-toda-la-corte\/2018\/tutelas-2018\/' title='Tutelas 2018' class='pt-cv-tax-tutelas-2018'>Tutelas 2018<\/a><\/div>\n<h4 class=\"pt-cv-title\"><a href=\"https:\/\/www.dmsjuridica.com\/buscador_20179478954\/corteconstitucionalcronologico202454587\/t-485-18\/\" class=\"_self\" target=\"_self\" >T-485-18<\/a><\/h4>\n<div class=\"pt-cv-content\">\u00a0 \u00a0 \u00a0 \u00a0 \u00a0T-485-18 \u00a0 \u00a0 \u00a0 \u00a0 \u00a0 \u00a0\u00a0 Sentencia T-485\/18 \u00a0 \u00a0 ACCION DE TUTELA PARA SOLICITAR TRASLADO DE \u00a0 ESTACIONES DE POLICIA O BASES MILITARES PROXIMAS A INSTITUCIONES EDUCATIVAS-Improcedencia por cuanto no hay riesgo \u00a0 inminente \u00a0 \u00a0 FUERZA PUBLICA-Excepcionalmente procede su desplazamiento por v\u00eda \u00a0 judicial \u00a0 \u00a0 POLICIA NACIONAL-Funci\u00f3n preventiva \u00a0 \u00a0 DEBER DE SOLIDARIDAD-L\u00edmites \u00a0 \u00a0 JUEZ DE TUTELA-Debe identificar riesgo subjetivo excepcional sobre la \u00a0 vida o integridad de persona amenazada \u00a0 \u00a0 La autoridad jurisdiccional debe analizar si \u00a0 en cualquier escenario en el que se pretenda evitar la vecindad con ...<br \/><div class=\"pt-cv-rmwrap\"><a href=\"https:\/\/www.dmsjuridica.com\/buscador_20179478954\/corteconstitucionalcronologico202454587\/t-485-18\/\" class=\"_self pt-cv-readmore btn btn-success\" target=\"_self\">Ver Sentencia Completa...<\/a><\/div><\/div><\/div><\/div>\n<div class=\"col-md-12 col-sm-12 col-xs-12 pt-cv-content-item pt-cv-1-col\" ><div class='pt-cv-ifield'><a href=\"https:\/\/www.dmsjuridica.com\/buscador_20179478954\/corteconstitucionalcronologico202454587\/t-484-18\/\" class=\"_self pt-cv-href-thumbnail pt-cv-thumb-default\" target=\"_self\" ><\/a>\n<div class=\"pt-cv-taxoterm above_title\"><a href='https:\/\/www.dmsjuridica.com\/buscador_20179478954\/corteconstitucionalcronologico202454587\/category\/buscar-en-toda-la-corte\/2018\/tutelas-2018\/' title='Tutelas 2018' class='pt-cv-tax-tutelas-2018'>Tutelas 2018<\/a><\/div>\n<h4 class=\"pt-cv-title\"><a href=\"https:\/\/www.dmsjuridica.com\/buscador_20179478954\/corteconstitucionalcronologico202454587\/t-484-18\/\" class=\"_self\" target=\"_self\" >T-484-18<\/a><\/h4>\n<div class=\"pt-cv-content\">\u00a0 \u00a0 \u00a0 \u00a0 \u00a0T-484-18 \u00a0 \u00a0 \u00a0 \u00a0 \u00a0 \u00a0\u00a0 Sentencia T-484\/18 \u00a0 \u00a0 ACCION DE TUTELA PARA RECLAMAR EL \u00a0 RECONOCIMIENTO Y PAGO DE DERECHOS PENSIONALES-Procedencia excepcional \u00a0 \u00a0 PRINCIPIO DE SUBSIDIARIEDAD DE LA ACCION DE TUTELA-Juez debe verificar si ante la \u00a0 existencia de otro medio de defensa judicial, este es eficaz e id\u00f3neo \u00a0 \u00a0 PENSION DE SOBREVIVIENTES DE HIJO FALLECIDO-Negativa a su reconocimiento por \u00a0 aparente incumplimiento del requisito de dependencia econ\u00f3mica viola derecho al \u00a0 m\u00ednimo vital \u00a0 \u00a0 Expediente T-6.853.316 \u00a0 \u00a0 Acci\u00f3n de tutela presentada por Daniel P\u00e9rez Mesa y Mar\u00eda Dolores ...<br \/><div class=\"pt-cv-rmwrap\"><a href=\"https:\/\/www.dmsjuridica.com\/buscador_20179478954\/corteconstitucionalcronologico202454587\/t-484-18\/\" class=\"_self pt-cv-readmore btn btn-success\" target=\"_self\">Ver Sentencia Completa...<\/a><\/div><\/div><\/div><\/div>\n<div class=\"col-md-12 col-sm-12 col-xs-12 pt-cv-content-item pt-cv-1-col\" ><div class='pt-cv-ifield'><a href=\"https:\/\/www.dmsjuridica.com\/buscador_20179478954\/corteconstitucionalcronologico202454587\/t-483-18\/\" class=\"_self pt-cv-href-thumbnail pt-cv-thumb-default\" target=\"_self\" ><\/a>\n<div class=\"pt-cv-taxoterm above_title\"><a href='https:\/\/www.dmsjuridica.com\/buscador_20179478954\/corteconstitucionalcronologico202454587\/category\/buscar-en-toda-la-corte\/2018\/tutelas-2018\/' title='Tutelas 2018' class='pt-cv-tax-tutelas-2018'>Tutelas 2018<\/a><\/div>\n<h4 class=\"pt-cv-title\"><a href=\"https:\/\/www.dmsjuridica.com\/buscador_20179478954\/corteconstitucionalcronologico202454587\/t-483-18\/\" class=\"_self\" target=\"_self\" >T-483-18<\/a><\/h4>\n<div class=\"pt-cv-content\">\u00a0 \u00a0 \u00a0 \u00a0 \u00a0T-483-18 \u00a0 \u00a0 \u00a0 \u00a0 \u00a0 \u00a0\u00a0 Sentencia T-483\/18 \u00a0 \u00a0 ESTABILIDAD LABORAL \u00a0 REFORZADA DE PERSONAS CON AFECTACIONES DE SALUD \u00a0 \u00a0 DERECHO A LA \u00a0 ESTABILIDAD LABORAL REFORZADA DE PERSONA CON LIMITACIONES FISICAS, PSIQUICAS O \u00a0 SENSORIALES-Garant\u00edas contenidas en la Ley 361 de \u00a0 1997 y jurisprudencia constitucional sobre su aplicaci\u00f3n \u00a0 \u00a0 DERECHO A LA \u00a0 ESTABILIDAD LABORAL REFORZADA DE PERSONAS CON AFECTACIONES DE SALUD-Protecci\u00f3n especial \u00a0 \u00a0 Referencia: \u00a0 Expediente T-6.510.745 \u00a0 \u00a0 Acci\u00f3n de tutela instaurada por \u00a0 Filiberto D\u00edaz \u00c1lvarez en contra de Bananeras Aristiz\u00e1bal S.A.S. \u00a0 \u00a0 Magistrado \u00a0 ...<br \/><div class=\"pt-cv-rmwrap\"><a href=\"https:\/\/www.dmsjuridica.com\/buscador_20179478954\/corteconstitucionalcronologico202454587\/t-483-18\/\" class=\"_self pt-cv-readmore btn btn-success\" target=\"_self\">Ver Sentencia Completa...<\/a><\/div><\/div><\/div><\/div>\n<div class=\"col-md-12 col-sm-12 col-xs-12 pt-cv-content-item pt-cv-1-col\" ><div class='pt-cv-ifield'><a href=\"https:\/\/www.dmsjuridica.com\/buscador_20179478954\/corteconstitucionalcronologico202454587\/t-482-18\/\" class=\"_self pt-cv-href-thumbnail pt-cv-thumb-default\" target=\"_self\" ><\/a>\n<div class=\"pt-cv-taxoterm above_title\"><a href='https:\/\/www.dmsjuridica.com\/buscador_20179478954\/corteconstitucionalcronologico202454587\/category\/buscar-en-toda-la-corte\/2018\/tutelas-2018\/' title='Tutelas 2018' class='pt-cv-tax-tutelas-2018'>Tutelas 2018<\/a><\/div>\n<h4 class=\"pt-cv-title\"><a href=\"https:\/\/www.dmsjuridica.com\/buscador_20179478954\/corteconstitucionalcronologico202454587\/t-482-18\/\" class=\"_self\" target=\"_self\" >T-482-18<\/a><\/h4>\n<div class=\"pt-cv-content\">\u00a0 \u00a0 \u00a0 \u00a0 \u00a0T-482-18 \u00a0 \u00a0 \u00a0 \u00a0 \u00a0 \u00a0\u00a0 Sentencia T-482\/18 \u00a0 \u00a0 ACCION \u00a0 DE TUTELA PARA SOLICITAR TRASPLANTE DE ORGANOS O TEJIDOS A EXTRANJEROS NO \u00a0 RESIDENTES-Improcedencia por cuanto no se vulneran los derechos \u00a0 fundamentales de extranjero no residente en Colombia \u00a0 \u00a0 AGENCIA OFICIOSA EN TUTELA-Requisitos \u00a0 \u00a0 DERECHOS DE LOS EXTRANJEROS EN COLOMBIA-Alcance \u00a0 \u00a0 TRASPLANTE DE ORGANOS O TEJIDOS A EXTRANJEROS NO RESIDENTES-Procedimiento \u00a0 \u00a0 Respecto de la prestaci\u00f3n del servicio de trasplante de componentes anat\u00f3micos a \u00a0 extranjeros no residentes en Colombia, el art\u00edculo 40 del Decreto 2493 de 2004 \u00a0 ...<br \/><div class=\"pt-cv-rmwrap\"><a href=\"https:\/\/www.dmsjuridica.com\/buscador_20179478954\/corteconstitucionalcronologico202454587\/t-482-18\/\" class=\"_self pt-cv-readmore btn btn-success\" target=\"_self\">Ver Sentencia Completa...<\/a><\/div><\/div><\/div><\/div>\n<div class=\"col-md-12 col-sm-12 col-xs-12 pt-cv-content-item pt-cv-1-col\" ><div class='pt-cv-ifield'><a href=\"https:\/\/www.dmsjuridica.com\/buscador_20179478954\/corteconstitucionalcronologico202454587\/t-481-18\/\" class=\"_self pt-cv-href-thumbnail pt-cv-thumb-default\" target=\"_self\" ><\/a>\n<div class=\"pt-cv-taxoterm above_title\"><a href='https:\/\/www.dmsjuridica.com\/buscador_20179478954\/corteconstitucionalcronologico202454587\/category\/buscar-en-toda-la-corte\/2018\/tutelas-2018\/' title='Tutelas 2018' class='pt-cv-tax-tutelas-2018'>Tutelas 2018<\/a><\/div>\n<h4 class=\"pt-cv-title\"><a href=\"https:\/\/www.dmsjuridica.com\/buscador_20179478954\/corteconstitucionalcronologico202454587\/t-481-18\/\" class=\"_self\" target=\"_self\" >T-481-18<\/a><\/h4>\n<div class=\"pt-cv-content\">\u00a0 \u00a0 \u00a0 \u00a0 \u00a0T-481-18 \u00a0 \u00a0 \u00a0 \u00a0 \u00a0 \u00a0\u00a0 Sentencia T-481\/18 \u00a0 \u00a0 ACCION DE TUTELA PARA EL RECONOCIMIENTO DE \u00a0 INDEMNIZACION SUSTITUTIVA DE LA PENSION DE VEJEZ-Improcedencia por haberse efectuado el pago, seg\u00fan \u00a0 certificaci\u00f3n expedida por Colpensiones \u00a0 \u00a0 INDEMNIZACION SUSTITUTIVA DE LA PENSION DE \u00a0 VEJEZ-Finalidad \u00a0 \u00a0 La indemnizaci\u00f3n sustitutiva de la pensi\u00f3n \u00a0 de vejez (i) constituye un auxilio econ\u00f3mico para aquellos que teniendo la edad \u00a0 para pensionarse no cuentan con la cantidad de semanas m\u00ednimas requeridas para \u00a0 consolidar su derecho pensional y no tienen la posibilidad de continuar \u00a0 cotizando ...<br \/><div class=\"pt-cv-rmwrap\"><a href=\"https:\/\/www.dmsjuridica.com\/buscador_20179478954\/corteconstitucionalcronologico202454587\/t-481-18\/\" class=\"_self pt-cv-readmore btn btn-success\" target=\"_self\">Ver Sentencia Completa...<\/a><\/div><\/div><\/div><\/div>\n<div class=\"col-md-12 col-sm-12 col-xs-12 pt-cv-content-item pt-cv-1-col\" ><div class='pt-cv-ifield'><a href=\"https:\/\/www.dmsjuridica.com\/buscador_20179478954\/corteconstitucionalcronologico202454587\/t-480-18\/\" class=\"_self pt-cv-href-thumbnail pt-cv-thumb-default\" target=\"_self\" ><\/a>\n<div class=\"pt-cv-taxoterm above_title\"><a href='https:\/\/www.dmsjuridica.com\/buscador_20179478954\/corteconstitucionalcronologico202454587\/category\/buscar-en-toda-la-corte\/2018\/tutelas-2018\/' title='Tutelas 2018' class='pt-cv-tax-tutelas-2018'>Tutelas 2018<\/a><\/div>\n<h4 class=\"pt-cv-title\"><a href=\"https:\/\/www.dmsjuridica.com\/buscador_20179478954\/corteconstitucionalcronologico202454587\/t-480-18\/\" class=\"_self\" target=\"_self\" >T-480-18<\/a><\/h4>\n<div class=\"pt-cv-content\">\u00a0 \u00a0 \u00a0 \u00a0 \u00a0T-480-18 \u00a0 \u00a0 \u00a0 \u00a0 \u00a0 \u00a0\u00a0 Sentencia T-480\/18 \u00a0 \u00a0 DERECHO A \u00a0 LA EDUCACION INCLUSIVA DE NI\u00d1OS Y NI\u00d1AS EN SITUACION DE DISCAPACIDAD-Protecci\u00f3n \u00a0 constitucional \u00a0 \u00a0 DERECHO FUNDAMENTAL \u00a0 DE PETICION-Contenido y alcance \u00a0 \u00a0 DERECHO DE \u00a0 PETICION-Fundamento \u00a0 constitucional \u00a0 \u00a0 DERECHO DE \u00a0 PETICION-Relaci\u00f3n \u00a0 existente con otros derechos fundamentales \u00a0 \u00a0 DERECHO DE \u00a0 PETICION-Reglas \u00a0 jurisprudenciales \u00a0 \u00a0 i) Toda persona tiene el derecho fundamental de presentar una petici\u00f3n ante \u00a0 alguna autoridad, ya sea que la petici\u00f3n sea de inter\u00e9s general o particular; \u00a0 ii) el derecho ...<br \/><div class=\"pt-cv-rmwrap\"><a href=\"https:\/\/www.dmsjuridica.com\/buscador_20179478954\/corteconstitucionalcronologico202454587\/t-480-18\/\" class=\"_self pt-cv-readmore btn btn-success\" target=\"_self\">Ver Sentencia Completa...<\/a><\/div><\/div><\/div><\/div>\n<div class=\"col-md-12 col-sm-12 col-xs-12 pt-cv-content-item pt-cv-1-col\" ><div class='pt-cv-ifield'><a href=\"https:\/\/www.dmsjuridica.com\/buscador_20179478954\/corteconstitucionalcronologico202454587\/t-479-18\/\" class=\"_self pt-cv-href-thumbnail pt-cv-thumb-default\" target=\"_self\" ><\/a>\n<div class=\"pt-cv-taxoterm above_title\"><a href='https:\/\/www.dmsjuridica.com\/buscador_20179478954\/corteconstitucionalcronologico202454587\/category\/buscar-en-toda-la-corte\/2018\/tutelas-2018\/' title='Tutelas 2018' class='pt-cv-tax-tutelas-2018'>Tutelas 2018<\/a><\/div>\n<h4 class=\"pt-cv-title\"><a href=\"https:\/\/www.dmsjuridica.com\/buscador_20179478954\/corteconstitucionalcronologico202454587\/t-479-18\/\" class=\"_self\" target=\"_self\" >T-479-18<\/a><\/h4>\n<div class=\"pt-cv-content\">\u00a0 \u00a0 \u00a0 \u00a0 \u00a0T-479-18 \u00a0 \u00a0 \u00a0 \u00a0 \u00a0 \u00a0\u00a0 Sentencia T-479\/18 \u00a0 \u00a0 DERECHO FUNDAMENTAL A LA CONSULTA PREVIA-Caso en que se pretend\u00eda la realizaci\u00f3n de \u00a0 un proyecto de infraestructura mar\u00edtima que afectaba la movilidad y la pesca de \u00a0 comunidades \u00e9tnicas de la zona \u00a0 \u00a0 PRINCIPIO DE DIVERSIDAD ETNICA Y CULTURAL-Alcance \u00a0 \u00a0 La Constituci\u00f3n \u00a0 reconoce el principio de diversidad \u00e9tnica y cultural de la Naci\u00f3n, en virtud \u00a0 del cual, las comunidades \u00e9tnicas gozan de una protecci\u00f3n especial de su cultura \u00a0 -costumbres, valores, tradiciones ancestrales-, cosmovisi\u00f3n, identidad social, \u00a0 religiosa y jur\u00eddica, ...<br \/><div class=\"pt-cv-rmwrap\"><a href=\"https:\/\/www.dmsjuridica.com\/buscador_20179478954\/corteconstitucionalcronologico202454587\/t-479-18\/\" class=\"_self pt-cv-readmore btn btn-success\" target=\"_self\">Ver Sentencia Completa...<\/a><\/div><\/div><\/div><\/div>\n<div class=\"col-md-12 col-sm-12 col-xs-12 pt-cv-content-item pt-cv-1-col\" ><div class='pt-cv-ifield'><a href=\"https:\/\/www.dmsjuridica.com\/buscador_20179478954\/corteconstitucionalcronologico202454587\/t-478-18\/\" class=\"_self pt-cv-href-thumbnail pt-cv-thumb-default\" target=\"_self\" ><\/a>\n<div class=\"pt-cv-taxoterm above_title\"><a href='https:\/\/www.dmsjuridica.com\/buscador_20179478954\/corteconstitucionalcronologico202454587\/category\/buscar-en-toda-la-corte\/2018\/tutelas-2018\/' title='Tutelas 2018' class='pt-cv-tax-tutelas-2018'>Tutelas 2018<\/a><\/div>\n<h4 class=\"pt-cv-title\"><a href=\"https:\/\/www.dmsjuridica.com\/buscador_20179478954\/corteconstitucionalcronologico202454587\/t-478-18\/\" class=\"_self\" target=\"_self\" >T-478-18<\/a><\/h4>\n<div class=\"pt-cv-content\">\u00a0 \u00a0 \u00a0 \u00a0 \u00a0T-478-18 \u00a0 \u00a0 \u00a0 \u00a0 \u00a0 \u00a0\u00a0 Sentencia \u00a0 T-478\/18 \u00a0 \u00a0\u00a0 ACCION \u00a0 DE TUTELA PARA SOLICITAR ESTABILIDAD LABORAL DE EX MIEMBRO DE LA FUERZA PUBLICA-Improcedencia \u00a0 por existir otro medio de defensa judicial y no acreditar perjuicio irremediable \u00a0 \u00a0 Referencia: Expediente \u00a0 T-6.944.024 \u00a0 \u00a0 Acci\u00f3n de tutela instaurada por Jaime \u00a0 Alberto L\u00f3pez Espitia en contra de la Naci\u00f3n \u2013 Ministerio de Defensa Nacional y \u00a0 la Polic\u00eda Nacional \u00a0 \u00a0 Magistrado ponente: \u00a0 \u00a0 CARLOS BERNAL PULIDO \u00a0 \u00a0 Bogot\u00e1, D.C., once (11) de diciembre de dos mil dieciocho (2018). \u00a0 ...<br \/><div class=\"pt-cv-rmwrap\"><a href=\"https:\/\/www.dmsjuridica.com\/buscador_20179478954\/corteconstitucionalcronologico202454587\/t-478-18\/\" class=\"_self pt-cv-readmore btn btn-success\" target=\"_self\">Ver Sentencia Completa...<\/a><\/div><\/div><\/div><\/div>\n<div class=\"col-md-12 col-sm-12 col-xs-12 pt-cv-content-item pt-cv-1-col\" ><div class='pt-cv-ifield'><a href=\"https:\/\/www.dmsjuridica.com\/buscador_20179478954\/corteconstitucionalcronologico202454587\/t-477-18\/\" class=\"_self pt-cv-href-thumbnail pt-cv-thumb-default\" target=\"_self\" ><\/a>\n<div class=\"pt-cv-taxoterm above_title\"><a href='https:\/\/www.dmsjuridica.com\/buscador_20179478954\/corteconstitucionalcronologico202454587\/category\/buscar-en-toda-la-corte\/2018\/tutelas-2018\/' title='Tutelas 2018' class='pt-cv-tax-tutelas-2018'>Tutelas 2018<\/a><\/div>\n<h4 class=\"pt-cv-title\"><a href=\"https:\/\/www.dmsjuridica.com\/buscador_20179478954\/corteconstitucionalcronologico202454587\/t-477-18\/\" class=\"_self\" target=\"_self\" >T-477-18<\/a><\/h4>\n<div class=\"pt-cv-content\">\u00a0 \u00a0 \u00a0 \u00a0 \u00a0T-477-18 \u00a0 \u00a0 \u00a0 \u00a0 \u00a0 \u00a0\u00a0 Sentencia T-477\/18 \u00a0 \u00a0 DERECHO A LA \u00a0 PENSION DE INVALIDEZ-Caso en que no se tuvo en cuenta el tiempo \u00a0 que el accionante prest\u00f3 el servicio militar obligatorio, para acceder al \u00a0 reconocimiento de la pensi\u00f3n de invalidez \u00a0 \u00a0 ACCION DE TUTELA \u00a0 PARA RECONOCIMIENTO DE PENSION DE INVALIDEZ-Procedencia \u00a0 excepcional por afectaci\u00f3n al m\u00ednimo vital y vida digna de sujetos de especial \u00a0 protecci\u00f3n \u00a0 \u00a0 ACCION DE TUTELA Y \u00a0 REQUISITO DE SUBSIDIARIEDAD-Flexibilidad en caso de sujetos de especial \u00a0 protecci\u00f3n constitucional \u00a0 \u00a0 ACCION ...<br \/><div class=\"pt-cv-rmwrap\"><a href=\"https:\/\/www.dmsjuridica.com\/buscador_20179478954\/corteconstitucionalcronologico202454587\/t-477-18\/\" class=\"_self pt-cv-readmore btn btn-success\" target=\"_self\">Ver Sentencia Completa...<\/a><\/div><\/div><\/div><\/div>\n<div class=\"col-md-12 col-sm-12 col-xs-12 pt-cv-content-item pt-cv-1-col\" ><div class='pt-cv-ifield'><a href=\"https:\/\/www.dmsjuridica.com\/buscador_20179478954\/corteconstitucionalcronologico202454587\/t-476-18\/\" class=\"_self pt-cv-href-thumbnail pt-cv-thumb-default\" target=\"_self\" ><\/a>\n<div class=\"pt-cv-taxoterm above_title\"><a href='https:\/\/www.dmsjuridica.com\/buscador_20179478954\/corteconstitucionalcronologico202454587\/category\/buscar-en-toda-la-corte\/2018\/tutelas-2018\/' title='Tutelas 2018' class='pt-cv-tax-tutelas-2018'>Tutelas 2018<\/a><\/div>\n<h4 class=\"pt-cv-title\"><a href=\"https:\/\/www.dmsjuridica.com\/buscador_20179478954\/corteconstitucionalcronologico202454587\/t-476-18\/\" class=\"_self\" target=\"_self\" >T-476-18<\/a><\/h4>\n<div class=\"pt-cv-content\">\u00a0 \u00a0 \u00a0 \u00a0 \u00a0T-476-18 \u00a0 \u00a0 \u00a0 \u00a0 \u00a0 \u00a0\u00a0 Sentencia T-476\/18 \u00a0 \u00a0 CARENCIA ACTUAL DE \u00a0 OBJETO-Configuraci\u00f3n \u00a0 y caracter\u00edsticas \u00a0 \u00a0 La \u00a0 carencia actual de objeto ocurre cuando frente a una petici\u00f3n de amparo de \u00a0 derechos fundamentales y antes del fallo, la situaci\u00f3n vulneradora del derecho \u00a0 fundamental desaparece y por tanto la orden del juez no tendr\u00eda efecto alguno o \u00a0 caer\u00eda en el vac\u00edo. Esto ocurre en tres escenarios: cuando tiene lugar un da\u00f1o \u00a0 consumado, cuando existe un hecho superado, o cuando ocurre un hecho \u00a0 sobreviniente \u00a0 \u00a0 CARENCIA ACTUAL ...<br \/><div class=\"pt-cv-rmwrap\"><a href=\"https:\/\/www.dmsjuridica.com\/buscador_20179478954\/corteconstitucionalcronologico202454587\/t-476-18\/\" class=\"_self pt-cv-readmore btn btn-success\" target=\"_self\">Ver Sentencia Completa...<\/a><\/div><\/div><\/div><\/div>\n<div class=\"col-md-12 col-sm-12 col-xs-12 pt-cv-content-item pt-cv-1-col\" ><div class='pt-cv-ifield'><a href=\"https:\/\/www.dmsjuridica.com\/buscador_20179478954\/corteconstitucionalcronologico202454587\/t-475-18\/\" class=\"_self pt-cv-href-thumbnail pt-cv-thumb-default\" target=\"_self\" ><\/a>\n<div class=\"pt-cv-taxoterm above_title\"><a href='https:\/\/www.dmsjuridica.com\/buscador_20179478954\/corteconstitucionalcronologico202454587\/category\/buscar-en-toda-la-corte\/2018\/tutelas-2018\/' title='Tutelas 2018' class='pt-cv-tax-tutelas-2018'>Tutelas 2018<\/a><\/div>\n<h4 class=\"pt-cv-title\"><a href=\"https:\/\/www.dmsjuridica.com\/buscador_20179478954\/corteconstitucionalcronologico202454587\/t-475-18\/\" class=\"_self\" target=\"_self\" >T-475-18<\/a><\/h4>\n<div class=\"pt-cv-content\">\u00a0 \u00a0 \u00a0 \u00a0 \u00a0T-475-18 \u00a0 \u00a0 \u00a0 \u00a0 \u00a0 \u00a0\u00a0 Sentencia T-475\/18 \u00a0 \u00a0 ACCION \u00a0 DE TUTELA CONTRA PROVIDENCIAS JUDICIALES-Caso en el que se omiti\u00f3 valorar o valor\u00f3 equivocadamente el material \u00a0 probatorio en un proceso de reparaci\u00f3n directa \u00a0 \u00a0 ACCION \u00a0 DE TUTELA CONTRA PROVIDENCIAS JUDICIALES-Requisitos generales y especiales de procedibilidad \u00a0 \u00a0 CARACTERIZACION DEL DEFECTO FACTICO COMO CAUSAL ESPECIFICA DE PROCEDIBILIDAD DE \u00a0 LA ACCION DE TUTELA CONTRA PROVIDENCIAS JUDICIALES\u00a0 \u00a0 \u00a0 DEFECTO \u00a0 FACTICO-Dimensi\u00f3n negativa y positiva \u00a0 \u00a0 INFORME \u00a0 POLICIAL DE ACCIDENTE DE TRANSITO-Requisitos \u00a0 \u00a0 INFORME \u00a0 POLICIAL DE ACCIDENTE DE ...<br \/><div class=\"pt-cv-rmwrap\"><a href=\"https:\/\/www.dmsjuridica.com\/buscador_20179478954\/corteconstitucionalcronologico202454587\/t-475-18\/\" class=\"_self pt-cv-readmore btn btn-success\" target=\"_self\">Ver Sentencia Completa...<\/a><\/div><\/div><\/div><\/div>\n<div class=\"col-md-12 col-sm-12 col-xs-12 pt-cv-content-item pt-cv-1-col\" ><div class='pt-cv-ifield'><a href=\"https:\/\/www.dmsjuridica.com\/buscador_20179478954\/corteconstitucionalcronologico202454587\/t-474-18\/\" class=\"_self pt-cv-href-thumbnail pt-cv-thumb-default\" target=\"_self\" ><\/a>\n<div class=\"pt-cv-taxoterm above_title\"><a href='https:\/\/www.dmsjuridica.com\/buscador_20179478954\/corteconstitucionalcronologico202454587\/category\/buscar-en-toda-la-corte\/2018\/tutelas-2018\/' title='Tutelas 2018' class='pt-cv-tax-tutelas-2018'>Tutelas 2018<\/a><\/div>\n<h4 class=\"pt-cv-title\"><a href=\"https:\/\/www.dmsjuridica.com\/buscador_20179478954\/corteconstitucionalcronologico202454587\/t-474-18\/\" class=\"_self\" target=\"_self\" >T-474-18<\/a><\/h4>\n<div class=\"pt-cv-content\">\u00a0 \u00a0 \u00a0 \u00a0 \u00a0T-474-18 \u00a0 \u00a0 \u00a0 \u00a0 \u00a0 \u00a0\u00a0 Sentencia T-474\/18 \u00a0 \u00a0 ACCION \u00a0 DE TUTELA CONTRA PROVIDENCIAS JUDICIALES-Caso en que se desestim\u00f3 la validez del t\u00edtulo ejecutivo complejo por \u00a0 falta de requisitos formales \u00a0 \u00a0 CARACTERIZACION DEL DEFECTO PROCEDIMENTAL POR EXCESO RITUAL MANIFIESTO-Reiteraci\u00f3n de jurisprudencia \u00a0 \u00a0 Se configura cuando por excesivo ritualismo, se ponen \u00a0 trabas a la eficacia de los derechos sustanciales. Como ha sostenido la Corte, \u00a0 este defecto tuvo su origen en la necesidad de superar la aparente tensi\u00f3n entre \u00a0 el debido proceso y la prevalencia del derecho sustancial, de ...<br \/><div class=\"pt-cv-rmwrap\"><a href=\"https:\/\/www.dmsjuridica.com\/buscador_20179478954\/corteconstitucionalcronologico202454587\/t-474-18\/\" class=\"_self pt-cv-readmore btn btn-success\" target=\"_self\">Ver Sentencia Completa...<\/a><\/div><\/div><\/div><\/div>\n<div class=\"col-md-12 col-sm-12 col-xs-12 pt-cv-content-item pt-cv-1-col\" ><div class='pt-cv-ifield'><a href=\"https:\/\/www.dmsjuridica.com\/buscador_20179478954\/corteconstitucionalcronologico202454587\/t-473-18\/\" class=\"_self pt-cv-href-thumbnail pt-cv-thumb-default\" target=\"_self\" ><\/a>\n<div class=\"pt-cv-taxoterm above_title\"><a href='https:\/\/www.dmsjuridica.com\/buscador_20179478954\/corteconstitucionalcronologico202454587\/category\/buscar-en-toda-la-corte\/2018\/tutelas-2018\/' title='Tutelas 2018' class='pt-cv-tax-tutelas-2018'>Tutelas 2018<\/a><\/div>\n<h4 class=\"pt-cv-title\"><a href=\"https:\/\/www.dmsjuridica.com\/buscador_20179478954\/corteconstitucionalcronologico202454587\/t-473-18\/\" class=\"_self\" target=\"_self\" >T-473-18<\/a><\/h4>\n<div class=\"pt-cv-content\">\u00a0 \u00a0 \u00a0 \u00a0 \u00a0T-473-18 \u00a0 \u00a0 \u00a0 \u00a0 \u00a0 \u00a0\u00a0 Sentencia \u00a0 \u00a0T-473\/18 \u00a0 \u00a0 DERECHO A LA SEGURIDAD PERSONAL DE \u00a0 LIDERES SOCIALES-Caso en que la UNP retir\u00f3 de forma gradual las \u00a0 medidas de seguridad que le fueron asignadas al accionante \u00a0 \u00a0 DERECHO A LA SEGURIDAD PERSONAL DE \u00a0 LIDERES SOCIALES-Protecci\u00f3n \u00a0 \u00a0 DERECHO A LA SEGURIDAD PERSONAL DE LIDERES SOCIALES-Criterios de \u00a0 apreciaci\u00f3n de los hechos constitutivos de una amenaza para establecer la \u00a0 procedencia de la protecci\u00f3n especial del Estado\u00a0 \u00a0 \u00a0 DERECHO A LA SEGURIDAD PERSONAL-Niveles de riesgo \u00a0 \u00a0 Los niveles son: ...<br \/><div class=\"pt-cv-rmwrap\"><a href=\"https:\/\/www.dmsjuridica.com\/buscador_20179478954\/corteconstitucionalcronologico202454587\/t-473-18\/\" class=\"_self pt-cv-readmore btn btn-success\" target=\"_self\">Ver Sentencia Completa...<\/a><\/div><\/div><\/div><\/div>\n<div class=\"col-md-12 col-sm-12 col-xs-12 pt-cv-content-item pt-cv-1-col\" ><div class='pt-cv-ifield'><a href=\"https:\/\/www.dmsjuridica.com\/buscador_20179478954\/corteconstitucionalcronologico202454587\/t-472-18\/\" class=\"_self pt-cv-href-thumbnail pt-cv-thumb-default\" target=\"_self\" ><\/a>\n<div class=\"pt-cv-taxoterm above_title\"><a href='https:\/\/www.dmsjuridica.com\/buscador_20179478954\/corteconstitucionalcronologico202454587\/category\/buscar-en-toda-la-corte\/2018\/tutelas-2018\/' title='Tutelas 2018' class='pt-cv-tax-tutelas-2018'>Tutelas 2018<\/a><\/div>\n<h4 class=\"pt-cv-title\"><a href=\"https:\/\/www.dmsjuridica.com\/buscador_20179478954\/corteconstitucionalcronologico202454587\/t-472-18\/\" class=\"_self\" target=\"_self\" >T-472-18<\/a><\/h4>\n<div class=\"pt-cv-content\">\u00a0 \u00a0 \u00a0 \u00a0 \u00a0T-472-18 \u00a0 \u00a0 \u00a0 \u00a0 \u00a0 \u00a0\u00a0 Sentencia T-472\/18 \u00a0 \u00a0 DERECHO DE PETICION EN MATERIA PENSIONAL-Caso en que el actor reclama pensi\u00f3n de \u00a0 jubilaci\u00f3n ante Alcald\u00eda Municipal, la cual omite dar una respuesta definitiva \u00a0 \u00a0 ACCION DE TUTELA A PESAR DE EXISTIR OTROS MECANISMOS DE DEFENSA JUDICIAL-Procedencia \u00a0 excepcional cuando el mecanismo existente carece de la idoneidad y eficacia \u00a0 \u00a0 Se ha considerado \u00a0 que no basta con verificar la existencia formal de mecanismos ordinarios de \u00a0 protecci\u00f3n, sino que se debe valorar en el caso en concreto la idoneidad y \u00a0 ...<br \/><div class=\"pt-cv-rmwrap\"><a href=\"https:\/\/www.dmsjuridica.com\/buscador_20179478954\/corteconstitucionalcronologico202454587\/t-472-18\/\" class=\"_self pt-cv-readmore btn btn-success\" target=\"_self\">Ver Sentencia Completa...<\/a><\/div><\/div><\/div><\/div>\n<div class=\"col-md-12 col-sm-12 col-xs-12 pt-cv-content-item pt-cv-1-col\" ><div class='pt-cv-ifield'><a href=\"https:\/\/www.dmsjuridica.com\/buscador_20179478954\/corteconstitucionalcronologico202454587\/t-471-18\/\" class=\"_self pt-cv-href-thumbnail pt-cv-thumb-default\" target=\"_self\" ><\/a>\n<div class=\"pt-cv-taxoterm above_title\"><a href='https:\/\/www.dmsjuridica.com\/buscador_20179478954\/corteconstitucionalcronologico202454587\/category\/buscar-en-toda-la-corte\/2018\/tutelas-2018\/' title='Tutelas 2018' class='pt-cv-tax-tutelas-2018'>Tutelas 2018<\/a><\/div>\n<h4 class=\"pt-cv-title\"><a href=\"https:\/\/www.dmsjuridica.com\/buscador_20179478954\/corteconstitucionalcronologico202454587\/t-471-18\/\" class=\"_self\" target=\"_self\" >T-471-18<\/a><\/h4>\n<div class=\"pt-cv-content\">\u00a0 \u00a0 \u00a0 \u00a0 \u00a0T-471-18 \u00a0 \u00a0 \u00a0 \u00a0 \u00a0 \u00a0\u00a0 Sentencia T-471\/18 \u00a0 \u00a0 AGENCIA OFICIOSA \u00a0 EN TUTELA-Requisitos \u00a0 \u00a0 AGENCIA OFICIOSA-En \u00a0 el caso de adultos mayores, dado su especial estado de vulnerabilidad, los \u00a0 requisitos deben flexibilizarse\/AGENCIA OFICIOSA EN CASO DE MENORES DE EDAD-Procedencia \u00a0 y no aplicaci\u00f3n de rigorismo procesal en cuanto a manifestaci\u00f3n de no estar en \u00a0 condiciones de promover su propia defensa \u00a0 \u00a0 En el caso de adultos mayores la agencia oficiosa tiene su fundamento en la \u00a0 imposibilidad de acudir a las autoridades judiciales por cuenta propia, debido a \u00a0 ...<br \/><div class=\"pt-cv-rmwrap\"><a href=\"https:\/\/www.dmsjuridica.com\/buscador_20179478954\/corteconstitucionalcronologico202454587\/t-471-18\/\" class=\"_self pt-cv-readmore btn btn-success\" target=\"_self\">Ver Sentencia Completa...<\/a><\/div><\/div><\/div><\/div>\n<div class=\"col-md-12 col-sm-12 col-xs-12 pt-cv-content-item pt-cv-1-col\" ><div class='pt-cv-ifield'><a href=\"https:\/\/www.dmsjuridica.com\/buscador_20179478954\/corteconstitucionalcronologico202454587\/t-470-18\/\" class=\"_self pt-cv-href-thumbnail pt-cv-thumb-default\" target=\"_self\" ><\/a>\n<div class=\"pt-cv-taxoterm above_title\"><a href='https:\/\/www.dmsjuridica.com\/buscador_20179478954\/corteconstitucionalcronologico202454587\/category\/buscar-en-toda-la-corte\/2018\/tutelas-2018\/' title='Tutelas 2018' class='pt-cv-tax-tutelas-2018'>Tutelas 2018<\/a><\/div>\n<h4 class=\"pt-cv-title\"><a href=\"https:\/\/www.dmsjuridica.com\/buscador_20179478954\/corteconstitucionalcronologico202454587\/t-470-18\/\" class=\"_self\" target=\"_self\" >T-470-18<\/a><\/h4>\n<div class=\"pt-cv-content\">\u00a0 \u00a0 \u00a0 \u00a0 \u00a0T-470-18 \u00a0 \u00a0 \u00a0 \u00a0 \u00a0 \u00a0\u00a0 Sentencia T-470\/18 \u00a0 \u00a0 ACCION DE TUTELA \u00a0 CONTRA SENTENCIA DE TUTELA-Caso en que una persona jur\u00eddica considera vulnerados \u00a0 sus derechos por un fallo de tutela al creer que la providencia fue producto de \u00a0 una situaci\u00f3n de fraude \u00a0 \u00a0 ACCION DE TUTELA CONTRA SENTENCIA DE TUTELA-Reiteraci\u00f3n de jurisprudencia sobre la improcedencia \u00a0 \u00a0 ACCION DE \u00a0 TUTELA CONTRA SENTENCIA DE TUTELA-Finalidad de la revisi\u00f3n de la Corte \u00a0 Constitucional \u00a0 \u00a0 ACCION DE TUTELA \u00a0 CONTRA SENTENCIA DE TUTELA-An\u00e1lisis de la sentencia SU1219\/01 y fen\u00f3meno jur\u00eddico ...<br \/><div class=\"pt-cv-rmwrap\"><a href=\"https:\/\/www.dmsjuridica.com\/buscador_20179478954\/corteconstitucionalcronologico202454587\/t-470-18\/\" class=\"_self pt-cv-readmore btn btn-success\" target=\"_self\">Ver Sentencia Completa...<\/a><\/div><\/div><\/div><\/div>\n<div class=\"col-md-12 col-sm-12 col-xs-12 pt-cv-content-item pt-cv-1-col\" ><div class='pt-cv-ifield'><a href=\"https:\/\/www.dmsjuridica.com\/buscador_20179478954\/corteconstitucionalcronologico202454587\/t-469-18\/\" class=\"_self pt-cv-href-thumbnail pt-cv-thumb-default\" target=\"_self\" ><\/a>\n<div class=\"pt-cv-taxoterm above_title\"><a href='https:\/\/www.dmsjuridica.com\/buscador_20179478954\/corteconstitucionalcronologico202454587\/category\/buscar-en-toda-la-corte\/2018\/tutelas-2018\/' title='Tutelas 2018' class='pt-cv-tax-tutelas-2018'>Tutelas 2018<\/a><\/div>\n<h4 class=\"pt-cv-title\"><a href=\"https:\/\/www.dmsjuridica.com\/buscador_20179478954\/corteconstitucionalcronologico202454587\/t-469-18\/\" class=\"_self\" target=\"_self\" >T-469-18<\/a><\/h4>\n<div class=\"pt-cv-content\">\u00a0 \u00a0 \u00a0 \u00a0 \u00a0T-469-18 \u00a0 \u00a0 \u00a0 \u00a0 \u00a0 \u00a0\u00a0 Sentencia T-469\/18 \u00a0 \u00a0 PENSION DE INVALIDEZ-Caso en que se niega reconocimiento de la \u00a0 pensi\u00f3n de invalidez, por incumplir el requisito de cotizaci\u00f3n de 50 semanas \u00a0 dentro de los 3 a\u00f1os inmediatamente anteriores a la fecha de estructuraci\u00f3n de \u00a0 la invalidez \u00a0 \u00a0 ACCION DE TUTELA PARA RECLAMAR EL \u00a0 RECONOCIMIENTO Y PAGO DE DERECHOS PENSIONALES-Procedencia excepcional \u00a0 \u00a0 La acci\u00f3n de tutela, en principio, no es procedente \u00a0 para reclamar el reconocimiento y pago de prestaciones pensionales al existir \u00a0 otros medios de defensa judiciales, ...<br \/><div class=\"pt-cv-rmwrap\"><a href=\"https:\/\/www.dmsjuridica.com\/buscador_20179478954\/corteconstitucionalcronologico202454587\/t-469-18\/\" class=\"_self pt-cv-readmore btn btn-success\" target=\"_self\">Ver Sentencia Completa...<\/a><\/div><\/div><\/div><\/div>\n<div class=\"col-md-12 col-sm-12 col-xs-12 pt-cv-content-item pt-cv-1-col\" ><div class='pt-cv-ifield'><a href=\"https:\/\/www.dmsjuridica.com\/buscador_20179478954\/corteconstitucionalcronologico202454587\/t-468-18\/\" class=\"_self pt-cv-href-thumbnail pt-cv-thumb-default\" target=\"_self\" ><\/a>\n<div class=\"pt-cv-taxoterm above_title\"><a href='https:\/\/www.dmsjuridica.com\/buscador_20179478954\/corteconstitucionalcronologico202454587\/category\/buscar-en-toda-la-corte\/2018\/tutelas-2018\/' title='Tutelas 2018' class='pt-cv-tax-tutelas-2018'>Tutelas 2018<\/a><\/div>\n<h4 class=\"pt-cv-title\"><a href=\"https:\/\/www.dmsjuridica.com\/buscador_20179478954\/corteconstitucionalcronologico202454587\/t-468-18\/\" class=\"_self\" target=\"_self\" >T-468-18<\/a><\/h4>\n<div class=\"pt-cv-content\">\u00a0 \u00a0 \u00a0 \u00a0 \u00a0T-468-18 \u00a0 \u00a0 \u00a0 \u00a0 \u00a0 \u00a0\u00a0 Sentencia \u00a0 T-468\/18 \u00a0 \u00a0 PRINCIPIO DEL INTERES SUPERIOR DEL NI\u00d1O Y \u00a0 DERECHO A TENER UNA FAMILIA Y NO SER SEPARADO DE ELLA-Caso en \u00a0 el que una madre en condici\u00f3n de discapacidad considera vulnerados sus derechos \u00a0 cuando ICBF decide declarar a su hijo en adopci\u00f3n \u00a0 \u00a0 NI\u00d1OS, NI\u00d1AS Y ADOLESCENTES COMO SUJETOS \u00a0 DE ESPECIAL PROTECCION CONSTITUCIONAL \u00a0 \u00a0 La familia, \u00a0 la sociedad y el Estado est\u00e1n obligados a asistir y proteger al ni\u00f1o para \u00a0 garantizar su desarrollo arm\u00f3nico e integral y el ...<br \/><div class=\"pt-cv-rmwrap\"><a href=\"https:\/\/www.dmsjuridica.com\/buscador_20179478954\/corteconstitucionalcronologico202454587\/t-468-18\/\" class=\"_self pt-cv-readmore btn btn-success\" target=\"_self\">Ver Sentencia Completa...<\/a><\/div><\/div><\/div><\/div>\n<div class=\"col-md-12 col-sm-12 col-xs-12 pt-cv-content-item pt-cv-1-col\" ><div class='pt-cv-ifield'><a href=\"https:\/\/www.dmsjuridica.com\/buscador_20179478954\/corteconstitucionalcronologico202454587\/t-467-18\/\" class=\"_self pt-cv-href-thumbnail pt-cv-thumb-default\" target=\"_self\" ><\/a>\n<div class=\"pt-cv-taxoterm above_title\"><a href='https:\/\/www.dmsjuridica.com\/buscador_20179478954\/corteconstitucionalcronologico202454587\/category\/buscar-en-toda-la-corte\/2018\/tutelas-2018\/' title='Tutelas 2018' class='pt-cv-tax-tutelas-2018'>Tutelas 2018<\/a><\/div>\n<h4 class=\"pt-cv-title\"><a href=\"https:\/\/www.dmsjuridica.com\/buscador_20179478954\/corteconstitucionalcronologico202454587\/t-467-18\/\" class=\"_self\" target=\"_self\" >T-467-18<\/a><\/h4>\n<div class=\"pt-cv-content\">\u00a0 \u00a0 \u00a0 \u00a0 \u00a0T-467-18 \u00a0 \u00a0 \u00a0 \u00a0 \u00a0 \u00a0\u00a0 DERECHOS FUNDAMENTALES DE PERSONAS PRIVADAS DE LA LIBERTAD-Caso en que el \u00a0 accionante considera vulnerados sus derechos por las condiciones f\u00edsicas de los \u00a0 espacios destinados para la visita \u00edntima y falta de suministro de agua \u00a0 \u00a0 CARENCIA ACTUAL DE OBJETO-Configuraci\u00f3n \u00a0 \u00a0 En los t\u00e9rminos de \u00a0 la jurisprudencia constitucional, si la situaci\u00f3n que genera la vulneraci\u00f3n o \u00a0 amenaza\u00a0\u201ces superada o finalmente se produce el da\u00f1o que se pretend\u00eda evitar con \u00a0 la solicitud de amparo\u201d, la acci\u00f3n de tutela se torna improcedente. Aquella ha \u00a0 ...<br \/><div class=\"pt-cv-rmwrap\"><a href=\"https:\/\/www.dmsjuridica.com\/buscador_20179478954\/corteconstitucionalcronologico202454587\/t-467-18\/\" class=\"_self pt-cv-readmore btn btn-success\" target=\"_self\">Ver Sentencia Completa...<\/a><\/div><\/div><\/div><\/div>\n<div class=\"col-md-12 col-sm-12 col-xs-12 pt-cv-content-item pt-cv-1-col\" ><div class='pt-cv-ifield'><a href=\"https:\/\/www.dmsjuridica.com\/buscador_20179478954\/corteconstitucionalcronologico202454587\/t-465-18\/\" class=\"_self pt-cv-href-thumbnail pt-cv-thumb-default\" target=\"_self\" ><\/a>\n<div class=\"pt-cv-taxoterm above_title\"><a href='https:\/\/www.dmsjuridica.com\/buscador_20179478954\/corteconstitucionalcronologico202454587\/category\/buscar-en-toda-la-corte\/2018\/tutelas-2018\/' title='Tutelas 2018' class='pt-cv-tax-tutelas-2018'>Tutelas 2018<\/a><\/div>\n<h4 class=\"pt-cv-title\"><a href=\"https:\/\/www.dmsjuridica.com\/buscador_20179478954\/corteconstitucionalcronologico202454587\/t-465-18\/\" class=\"_self\" target=\"_self\" >T-465-18<\/a><\/h4>\n<div class=\"pt-cv-content\">\u00a0 \u00a0 \u00a0 \u00a0 \u00a0T-465-18 \u00a0 \u00a0 \u00a0 \u00a0 \u00a0 \u00a0\u00a0 Sentencia T-465\/18 \u00a0 \u00a0 DERECHO FUNDAMENTAL A LA SALUD-Caso en el que \u00a0 EPS no autoriza un procedimiento m\u00e9dico a un adulto mayor, incumpliendo con sus \u00a0 deberes de garantizar el acceso efectivo y oportuno \u00a0 \u00a0 PROCESO JURISDICCIONAL A CARGO DE SUPERINTENDENCIA DE \u00a0 SALUD COMO MECANISMO DE PROTECCION DE DERECHOS DE USUARIOS DEL SISTEMA DE \u00a0 SEGURIDAD SOCIAL EN SALUD-Desarrollo legal \u00a0 \u00a0 PROCESO JURISDICCIONAL A CARGO DE SUPERINTENDENCIA DE \u00a0 SALUD COMO MECANISMO DE PROTECCION DE DERECHOS DE USUARIOS DEL SISTEMA DE \u00a0 SEGURIDAD SOCIAL EN ...<br \/><div class=\"pt-cv-rmwrap\"><a href=\"https:\/\/www.dmsjuridica.com\/buscador_20179478954\/corteconstitucionalcronologico202454587\/t-465-18\/\" class=\"_self pt-cv-readmore btn btn-success\" target=\"_self\">Ver Sentencia Completa...<\/a><\/div><\/div><\/div><\/div>\n<div class=\"col-md-12 col-sm-12 col-xs-12 pt-cv-content-item pt-cv-1-col\" ><div class='pt-cv-ifield'><a href=\"https:\/\/www.dmsjuridica.com\/buscador_20179478954\/corteconstitucionalcronologico202454587\/t-464-18\/\" class=\"_self pt-cv-href-thumbnail pt-cv-thumb-default\" target=\"_self\" ><\/a>\n<div class=\"pt-cv-taxoterm above_title\"><a href='https:\/\/www.dmsjuridica.com\/buscador_20179478954\/corteconstitucionalcronologico202454587\/category\/buscar-en-toda-la-corte\/2018\/tutelas-2018\/' title='Tutelas 2018' class='pt-cv-tax-tutelas-2018'>Tutelas 2018<\/a><\/div>\n<h4 class=\"pt-cv-title\"><a href=\"https:\/\/www.dmsjuridica.com\/buscador_20179478954\/corteconstitucionalcronologico202454587\/t-464-18\/\" class=\"_self\" target=\"_self\" >T-464-18<\/a><\/h4>\n<div class=\"pt-cv-content\">\u00a0 \u00a0 \u00a0 \u00a0 \u00a0T-464-18 \u00a0 \u00a0 \u00a0 \u00a0 \u00a0 \u00a0\u00a0 DERECHO A LA SALUD DE NI\u00d1OS, NI\u00d1AS Y ADOLESCENTES-Caso \u00a0 en el que se requiere la prestaci\u00f3n del servicio de transporte, enfermer\u00eda y \u00a0 ayudas t\u00e9cnicas para un menor en situaci\u00f3n de discapacidad \u00a0 \u00a0 DERECHO A LA SALUD DE LOS NI\u00d1OS COMO FUNDAMENTAL-Reiteraci\u00f3n \u00a0 de jurisprudencia \u00a0 \u00a0 DERECHO FUNDAMENTAL A LA SALUD-Car\u00e1cter aut\u00f3nomo e \u00a0 irrenunciable \u00a0 \u00a0 DERECHO A LA SALUD DE NI\u00d1OS, NI\u00d1AS Y \u00a0 ADOLESCENTES-Protecci\u00f3n constitucional e internacional \u00a0 \u00a0 La Corte ha establecido que la \u00a0 acci\u00f3n de tutela procede directamente para salvaguardar ...<br \/><div class=\"pt-cv-rmwrap\"><a href=\"https:\/\/www.dmsjuridica.com\/buscador_20179478954\/corteconstitucionalcronologico202454587\/t-464-18\/\" class=\"_self pt-cv-readmore btn btn-success\" target=\"_self\">Ver Sentencia Completa...<\/a><\/div><\/div><\/div><\/div>\n<div class=\"col-md-12 col-sm-12 col-xs-12 pt-cv-content-item pt-cv-1-col\" ><div class='pt-cv-ifield'><a href=\"https:\/\/www.dmsjuridica.com\/buscador_20179478954\/corteconstitucionalcronologico202454587\/t-463-18\/\" class=\"_self pt-cv-href-thumbnail pt-cv-thumb-default\" target=\"_self\" ><\/a>\n<div class=\"pt-cv-taxoterm above_title\"><a href='https:\/\/www.dmsjuridica.com\/buscador_20179478954\/corteconstitucionalcronologico202454587\/category\/buscar-en-toda-la-corte\/2018\/tutelas-2018\/' title='Tutelas 2018' class='pt-cv-tax-tutelas-2018'>Tutelas 2018<\/a><\/div>\n<h4 class=\"pt-cv-title\"><a href=\"https:\/\/www.dmsjuridica.com\/buscador_20179478954\/corteconstitucionalcronologico202454587\/t-463-18\/\" class=\"_self\" target=\"_self\" >T-463-18<\/a><\/h4>\n<div class=\"pt-cv-content\">\u00a0 \u00a0 \u00a0 \u00a0 \u00a0T-463-18 \u00a0 \u00a0 \u00a0 \u00a0 \u00a0 \u00a0\u00a0 Sentencia T-463\/18 \u00a0 \u00a0 DEBIDO PROCESO PENAL Y DERECHO DE \u00a0 DEFENSA-Caso en el que el actor considera vulnerados sus derechos por falta \u00a0 de notificaci\u00f3n y falta de defensa t\u00e9cnica dentro de un proceso penal \u00a0 \u00a0 ACCION DE \u00a0 TUTELA CONTRA PROVIDENCIAS JUDICIALES-Requisitos \u00a0 generales y especiales de procedibilidad \u00a0 \u00a0 CARACTERIZACION DEL DEFECTO \u00a0 PROCEDIMENTAL COMO CAUSAL ESPECIFICA DE PROCEDIBILIDAD DE LA ACCION DE TUTELA \u00a0 CONTRA PROVIDENCIAS JUDICIALES \u00a0 \u00a0 En uniforme \u00a0 jurisprudencia la Corte ha establecido que el\u00a0defecto procedimental\u00a0ocurre, \u00a0 cuando el juez ...<br \/><div class=\"pt-cv-rmwrap\"><a href=\"https:\/\/www.dmsjuridica.com\/buscador_20179478954\/corteconstitucionalcronologico202454587\/t-463-18\/\" class=\"_self pt-cv-readmore btn btn-success\" target=\"_self\">Ver Sentencia Completa...<\/a><\/div><\/div><\/div><\/div>\n<div class=\"col-md-12 col-sm-12 col-xs-12 pt-cv-content-item pt-cv-1-col\" ><div class='pt-cv-ifield'><a href=\"https:\/\/www.dmsjuridica.com\/buscador_20179478954\/corteconstitucionalcronologico202454587\/t-462-18\/\" class=\"_self pt-cv-href-thumbnail pt-cv-thumb-default\" target=\"_self\" ><\/a>\n<div class=\"pt-cv-taxoterm above_title\"><a href='https:\/\/www.dmsjuridica.com\/buscador_20179478954\/corteconstitucionalcronologico202454587\/category\/buscar-en-toda-la-corte\/2018\/tutelas-2018\/' title='Tutelas 2018' class='pt-cv-tax-tutelas-2018'>Tutelas 2018<\/a><\/div>\n<h4 class=\"pt-cv-title\"><a href=\"https:\/\/www.dmsjuridica.com\/buscador_20179478954\/corteconstitucionalcronologico202454587\/t-462-18\/\" class=\"_self\" target=\"_self\" >T-462-18<\/a><\/h4>\n<div class=\"pt-cv-content\">\u00a0 \u00a0 \u00a0 \u00a0 \u00a0T-462-18 \u00a0 \u00a0 \u00a0 \u00a0 \u00a0 \u00a0\u00a0 Sentencia T-462\/18 \u00a0 \u00a0 ACCION DE TUTELA CONTRA PROVIDENCIAS \u00a0 JUDICIALES EN PROCESO DE VIOLENCIA INTRAFAMILIAR-Caso en el \u00a0 que la accionante considera vulnerados sus derechos por falta de valoraci\u00f3n \u00a0 integral de las pruebas aportadas dentro de los procesos de reglamentaci\u00f3n de \u00a0 visitas y de medidas de protecci\u00f3n \u00a0 \u00a0 ACCION DE TUTELA CONTRA PROVIDENCIAS \u00a0 JUDICIALES-Requisitos generales y especiales de procedibilidad \u00a0 \u00a0 CARACTERIZACION DEL \u00a0 DEFECTO FACTICO COMO CAUSAL ESPECIFICA DE PROCEDIBILIDAD DE LA ACCION DE TUTELA \u00a0 CONTRA PROVIDENCIAS JUDICIALES \u00a0 \u00a0 El defecto ...<br \/><div class=\"pt-cv-rmwrap\"><a href=\"https:\/\/www.dmsjuridica.com\/buscador_20179478954\/corteconstitucionalcronologico202454587\/t-462-18\/\" class=\"_self pt-cv-readmore btn btn-success\" target=\"_self\">Ver Sentencia Completa...<\/a><\/div><\/div><\/div><\/div>\n<div class=\"col-md-12 col-sm-12 col-xs-12 pt-cv-content-item pt-cv-1-col\" ><div class='pt-cv-ifield'><a href=\"https:\/\/www.dmsjuridica.com\/buscador_20179478954\/corteconstitucionalcronologico202454587\/t-461-18\/\" class=\"_self pt-cv-href-thumbnail pt-cv-thumb-default\" target=\"_self\" ><\/a>\n<div class=\"pt-cv-taxoterm above_title\"><a href='https:\/\/www.dmsjuridica.com\/buscador_20179478954\/corteconstitucionalcronologico202454587\/category\/buscar-en-toda-la-corte\/2018\/tutelas-2018\/' title='Tutelas 2018' class='pt-cv-tax-tutelas-2018'>Tutelas 2018<\/a><\/div>\n<h4 class=\"pt-cv-title\"><a href=\"https:\/\/www.dmsjuridica.com\/buscador_20179478954\/corteconstitucionalcronologico202454587\/t-461-18\/\" class=\"_self\" target=\"_self\" >T-461-18<\/a><\/h4>\n<div class=\"pt-cv-content\">\u00a0 \u00a0 \u00a0 \u00a0 \u00a0T-461-18 \u00a0 \u00a0 \u00a0 \u00a0 \u00a0 \u00a0\u00a0 Sentencia T-461\/18 \u00a0 \u00a0 DERECHO A LA EDUCACION DE MENOR CON \u00a0 DISCAPACIDAD AUDITIVA-Caso en que a menor se le presta un servicio de \u00a0 educaci\u00f3n distinto al recomendado por el m\u00e9dico tratante en su proceso de \u00a0 rehabilitaci\u00f3n \u00a0 \u00a0 DERECHO A LA EDUCACION-Naturaleza \u00a0 \u00a0 DERECHO A LA EDUCACION-Servicio \u00a0 p\u00fablico con funci\u00f3n social \u00a0 \u00a0 DERECHO FUNDAMENTAL A LA EDUCACION DE \u00a0 NI\u00d1OS, NI\u00d1AS Y ADOLESCENTES-Instrumentos internacionales \u00a0 \u00a0 DERECHO A LA EDUCACION-Dimensiones \u00a0 de contenido prestacional \u00a0 \u00a0 La \u00a0 educaci\u00f3n comprende cuatro dimensiones de ...<br \/><div class=\"pt-cv-rmwrap\"><a href=\"https:\/\/www.dmsjuridica.com\/buscador_20179478954\/corteconstitucionalcronologico202454587\/t-461-18\/\" class=\"_self pt-cv-readmore btn btn-success\" target=\"_self\">Ver Sentencia Completa...<\/a><\/div><\/div><\/div><\/div>\n<div class=\"col-md-12 col-sm-12 col-xs-12 pt-cv-content-item pt-cv-1-col\" ><div class='pt-cv-ifield'><a href=\"https:\/\/www.dmsjuridica.com\/buscador_20179478954\/corteconstitucionalcronologico202454587\/t-460-18\/\" class=\"_self pt-cv-href-thumbnail pt-cv-thumb-default\" target=\"_self\" ><\/a>\n<div class=\"pt-cv-taxoterm above_title\"><a href='https:\/\/www.dmsjuridica.com\/buscador_20179478954\/corteconstitucionalcronologico202454587\/category\/buscar-en-toda-la-corte\/2018\/tutelas-2018\/' title='Tutelas 2018' class='pt-cv-tax-tutelas-2018'>Tutelas 2018<\/a><\/div>\n<h4 class=\"pt-cv-title\"><a href=\"https:\/\/www.dmsjuridica.com\/buscador_20179478954\/corteconstitucionalcronologico202454587\/t-460-18\/\" class=\"_self\" target=\"_self\" >T-460-18<\/a><\/h4>\n<div class=\"pt-cv-content\">\u00a0 \u00a0 \u00a0 \u00a0 \u00a0T-460-18 \u00a0 \u00a0 \u00a0 \u00a0 \u00a0 \u00a0\u00a0 Sentencia T-460\/18 \u00a0 \u00a0 LICENCIA POR CALAMIDAD DOMESTICA-Caso en el que una \u00a0 entidad p\u00fablica decide negar la pr\u00f3rroga de licencia no remunerada, solicitada \u00a0 por grave calamidad dom\u00e9stica \u00a0 \u00a0 LICENCIAS LABORALES-Naturaleza \u00a0 \u00a0 El Legislador ha previsto la \u00a0 ocurrencia de ciertas circunstancias excepcionales, como ser\u00edan las licencias y \u00a0 los permisos laborales, en donde los trabajadores no estar\u00edan obligados a \u00a0 prestar directamente sus servicios o estar\u00edan facultados para no hacerlo, sin \u00a0 que dicha circunstancia les represente, por s\u00ed sola, una causal para la \u00a0 ...<br \/><div class=\"pt-cv-rmwrap\"><a href=\"https:\/\/www.dmsjuridica.com\/buscador_20179478954\/corteconstitucionalcronologico202454587\/t-460-18\/\" class=\"_self pt-cv-readmore btn btn-success\" target=\"_self\">Ver Sentencia Completa...<\/a><\/div><\/div><\/div><\/div>\n<div class=\"col-md-12 col-sm-12 col-xs-12 pt-cv-content-item pt-cv-1-col\" ><div class='pt-cv-ifield'><a href=\"https:\/\/www.dmsjuridica.com\/buscador_20179478954\/corteconstitucionalcronologico202454587\/t-459-18\/\" class=\"_self pt-cv-href-thumbnail pt-cv-thumb-default\" target=\"_self\" ><\/a>\n<div class=\"pt-cv-taxoterm above_title\"><a href='https:\/\/www.dmsjuridica.com\/buscador_20179478954\/corteconstitucionalcronologico202454587\/category\/buscar-en-toda-la-corte\/2018\/tutelas-2018\/' title='Tutelas 2018' class='pt-cv-tax-tutelas-2018'>Tutelas 2018<\/a><\/div>\n<h4 class=\"pt-cv-title\"><a href=\"https:\/\/www.dmsjuridica.com\/buscador_20179478954\/corteconstitucionalcronologico202454587\/t-459-18\/\" class=\"_self\" target=\"_self\" >T-459-18<\/a><\/h4>\n<div class=\"pt-cv-content\">\u00a0 \u00a0 \u00a0 \u00a0 \u00a0T-459-18 \u00a0 \u00a0 \u00a0 \u00a0 \u00a0 \u00a0\u00a0 Sentencia T-459\/18 \u00a0 \u00a0 CARENCIA ACTUAL DE OBJETO POR HECHO SUPERADO-Accionante adelant\u00f3 tr\u00e1mite para afiliar a su hijo en calidad \u00a0 de beneficiario \u00a0 \u00a0 ACCION DE TUTELA PARA \u00a0 RECONOCIMIENTO DE PENSION DE SOBREVIVIENTES-Procedencia excepcional\u00a0 \u00a0 \u00a0 DERECHO A LA PENSION DE SOBREVIVIENTES PARA HIJO EN SITUACION DE DISCAPACIDAD-Requisitos \u00a0 \u00a0 DERECHO A LA PENSION DE \u00a0 SOBREVIVIENTES PARA HIJO EN SITUACION DE DISCAPACIDAD-Historia \u00a0 cl\u00ednica y sentencia de interdicci\u00f3n como medio probatorio id\u00f3neo \u00a0 para acreditar estado de invalidez \u00a0 \u00a0 DERECHO A LA PENSION DE SOBREVIVIENTES ...<br \/><div class=\"pt-cv-rmwrap\"><a href=\"https:\/\/www.dmsjuridica.com\/buscador_20179478954\/corteconstitucionalcronologico202454587\/t-459-18\/\" class=\"_self pt-cv-readmore btn btn-success\" target=\"_self\">Ver Sentencia Completa...<\/a><\/div><\/div><\/div><\/div>\n<div class=\"col-md-12 col-sm-12 col-xs-12 pt-cv-content-item pt-cv-1-col\" ><div class='pt-cv-ifield'><a href=\"https:\/\/www.dmsjuridica.com\/buscador_20179478954\/corteconstitucionalcronologico202454587\/t-458-18\/\" class=\"_self pt-cv-href-thumbnail pt-cv-thumb-default\" target=\"_self\" ><\/a>\n<div class=\"pt-cv-taxoterm above_title\"><a href='https:\/\/www.dmsjuridica.com\/buscador_20179478954\/corteconstitucionalcronologico202454587\/category\/buscar-en-toda-la-corte\/2018\/tutelas-2018\/' title='Tutelas 2018' class='pt-cv-tax-tutelas-2018'>Tutelas 2018<\/a><\/div>\n<h4 class=\"pt-cv-title\"><a href=\"https:\/\/www.dmsjuridica.com\/buscador_20179478954\/corteconstitucionalcronologico202454587\/t-458-18\/\" class=\"_self\" target=\"_self\" >T-458-18<\/a><\/h4>\n<div class=\"pt-cv-content\">\u00a0 \u00a0 \u00a0 \u00a0 \u00a0T-458-18 \u00a0 \u00a0 \u00a0 \u00a0 \u00a0 \u00a0\u00a0 Sentencia T-458\/18 \u00a0 \u00a0 DERECHO FUNDAMENTAL A LA SALUD-Reiteraci\u00f3n \u00a0 de jurisprudencia \u00a0 \u00a0 DERECHO A LA SALUD-Doble \u00a0 connotaci\u00f3n al ser un derecho fundamental y al mismo tiempo un servicio p\u00fablico \u00a0 \u00a0 DERECHO FUNDAMENTAL A LA SALUD-Principios \u00a0 rectores \u00a0 \u00a0 DERECHO FUNDAMENTAL A LA SALUD-Car\u00e1cter \u00a0 aut\u00f3nomo e irrenunciable \u00a0 \u00a0 CUIDADOR-Definici\u00f3n \u00a0 \u00a0 \u00a0 SERVICIO DE CUIDADOR PERMANENTE-Reiteraci\u00f3n \u00a0 de jurisprudencia \u00a0 \u00a0 PRINCIPIO DE SOLIDARIDAD EN SUJETOS DE ESPECIAL \u00a0 PROTECCION CONSTITUCIONAL-Alcance \u00a0 \u00a0 PRINCIPIO DE SOLIDARIDAD EN MATERIA DE SALUD-La familia es la ...<br \/><div class=\"pt-cv-rmwrap\"><a href=\"https:\/\/www.dmsjuridica.com\/buscador_20179478954\/corteconstitucionalcronologico202454587\/t-458-18\/\" class=\"_self pt-cv-readmore btn btn-success\" target=\"_self\">Ver Sentencia Completa...<\/a><\/div><\/div><\/div><\/div>\n<div class=\"col-md-12 col-sm-12 col-xs-12 pt-cv-content-item pt-cv-1-col\" ><div class='pt-cv-ifield'><a href=\"https:\/\/www.dmsjuridica.com\/buscador_20179478954\/corteconstitucionalcronologico202454587\/t-457-18\/\" class=\"_self pt-cv-href-thumbnail pt-cv-thumb-default\" target=\"_self\" ><\/a>\n<div class=\"pt-cv-taxoterm above_title\"><a href='https:\/\/www.dmsjuridica.com\/buscador_20179478954\/corteconstitucionalcronologico202454587\/category\/buscar-en-toda-la-corte\/2018\/tutelas-2018\/' title='Tutelas 2018' class='pt-cv-tax-tutelas-2018'>Tutelas 2018<\/a><\/div>\n<h4 class=\"pt-cv-title\"><a href=\"https:\/\/www.dmsjuridica.com\/buscador_20179478954\/corteconstitucionalcronologico202454587\/t-457-18\/\" class=\"_self\" target=\"_self\" >T-457-18<\/a><\/h4>\n<div class=\"pt-cv-content\">\u00a0 \u00a0 \u00a0 \u00a0 \u00a0T-457-18 \u00a0 \u00a0 \u00a0 \u00a0 \u00a0 \u00a0\u00a0 Sentencia T-457\/18 \u00a0 \u00a0 DERECHO A LA EDUCACION DE NI\u00d1OS, NI\u00d1AS \u00a0 Y ADOLESCENTES-Transporte y alimentaci\u00f3n como componentes de acceso y \u00a0 permanencia al sistema educativo \u00a0 \u00a0 LEGITIMACION POR ACTIVA-Eventos en \u00a0 los que se configura \u00a0 \u00a0 INTERES SUPERIOR DEL MENOR-Alcance \u00a0 \u00a0 INTERES SUPERIOR DEL MENOR-Protecci\u00f3n constitucional e internacional \u00a0 \u00a0 DERECHO FUNDAMENTAL A LA EDUCACION-Relaci\u00f3n \u00a0 con el inter\u00e9s superior del menor \u00a0 \u00a0 DERECHO FUNDAMENTAL A LA EDUCACION-Importancia \u00a0 del acceso y permanencia en el sistema educativo \u00a0 \u00a0 Parte del \u00a0 n\u00facleo esencial ...<br \/><div class=\"pt-cv-rmwrap\"><a href=\"https:\/\/www.dmsjuridica.com\/buscador_20179478954\/corteconstitucionalcronologico202454587\/t-457-18\/\" class=\"_self pt-cv-readmore btn btn-success\" target=\"_self\">Ver Sentencia Completa...<\/a><\/div><\/div><\/div><\/div>\n<div class=\"col-md-12 col-sm-12 col-xs-12 pt-cv-content-item pt-cv-1-col\" ><div class='pt-cv-ifield'><a href=\"https:\/\/www.dmsjuridica.com\/buscador_20179478954\/corteconstitucionalcronologico202454587\/t-456-18\/\" class=\"_self pt-cv-href-thumbnail pt-cv-thumb-default\" target=\"_self\" ><\/a>\n<div class=\"pt-cv-taxoterm above_title\"><a href='https:\/\/www.dmsjuridica.com\/buscador_20179478954\/corteconstitucionalcronologico202454587\/category\/buscar-en-toda-la-corte\/2018\/tutelas-2018\/' title='Tutelas 2018' class='pt-cv-tax-tutelas-2018'>Tutelas 2018<\/a><\/div>\n<h4 class=\"pt-cv-title\"><a href=\"https:\/\/www.dmsjuridica.com\/buscador_20179478954\/corteconstitucionalcronologico202454587\/t-456-18\/\" class=\"_self\" target=\"_self\" >T-456-18<\/a><\/h4>\n<div class=\"pt-cv-content\">\u00a0 \u00a0 \u00a0 \u00a0 \u00a0T-456-18 \u00a0 \u00a0 \u00a0 \u00a0 \u00a0 \u00a0\u00a0 Sentencia \u00a0 T-456\/18 \u00a0 \u00a0 ACCION DE TUTELA CONTRA PROVIDENCIAS JUDICIALES-Requisitos \u00a0 generales y especiales de procedibilidad \u00a0 \u00a0 INCREMENTO PENSIONAL DEL 14% EN RELACION CON EL CONYUGE O COMPA\u00d1ERO(A) \u00a0 PERMANENTE QUE DEPENDE ECONOMICAMENTE DEL BENEFICIARIO DE LA PENSION-Regulaci\u00f3n \u00a0 \u00a0 INCREMENTO PENSIONAL DEL 14% EN RELACION CON EL CONYUGE O COMPA\u00d1ERO(A) \u00a0 PERMANENTE QUE DEPENDE ECONOMICAMENTE DEL BENEFICIARIO DE LA PENSION-No \u00a0 hace parte integral de la pensi\u00f3n de invalidez o de vejez y solo perdura \u00a0 mientras existan las causas que le dieron origen \u00a0 \u00a0 ...<br \/><div class=\"pt-cv-rmwrap\"><a href=\"https:\/\/www.dmsjuridica.com\/buscador_20179478954\/corteconstitucionalcronologico202454587\/t-456-18\/\" class=\"_self pt-cv-readmore btn btn-success\" target=\"_self\">Ver Sentencia Completa...<\/a><\/div><\/div><\/div><\/div>\n<div class=\"col-md-12 col-sm-12 col-xs-12 pt-cv-content-item pt-cv-1-col\" ><div class='pt-cv-ifield'><a href=\"https:\/\/www.dmsjuridica.com\/buscador_20179478954\/corteconstitucionalcronologico202454587\/t-455-18\/\" class=\"_self pt-cv-href-thumbnail pt-cv-thumb-default\" target=\"_self\" ><\/a>\n<div class=\"pt-cv-taxoterm above_title\"><a href='https:\/\/www.dmsjuridica.com\/buscador_20179478954\/corteconstitucionalcronologico202454587\/category\/buscar-en-toda-la-corte\/2018\/tutelas-2018\/' title='Tutelas 2018' class='pt-cv-tax-tutelas-2018'>Tutelas 2018<\/a><\/div>\n<h4 class=\"pt-cv-title\"><a href=\"https:\/\/www.dmsjuridica.com\/buscador_20179478954\/corteconstitucionalcronologico202454587\/t-455-18\/\" class=\"_self\" target=\"_self\" >T-455-18<\/a><\/h4>\n<div class=\"pt-cv-content\">\u00a0 \u00a0 \u00a0 \u00a0 \u00a0T-455-18 \u00a0 \u00a0 \u00a0 \u00a0 \u00a0 \u00a0\u00a0 Sentencia T-455\/18 \u00a0 \u00a0 DERECHO A LA ACCESIBILIDAD FISICA Y DERECHO A LA \u00a0 LIBERTAD DE LOCOMOCION DE PERSONAS EN SITUACION DE DISCAPACIDAD-Caso en que el accionante considera limitado su acceso \u00a0 a una biblioteca p\u00fablica por la existencia de barreras f\u00edsicas para el ingreso \u00a0 de personas en situaci\u00f3n de discapacidad \u00a0 \u00a0 PERSONAS EN CONDICION DE DISCAPACIDAD-Sujetos de especial protecci\u00f3n \u00a0 constitucional \u00a0 \u00a0 La Constituci\u00f3n Pol\u00edtica contempla una protecci\u00f3n reforzada a favor de las \u00a0 personas en situaci\u00f3n de discapacidad, la cual se desprende de varios ...<br \/><div class=\"pt-cv-rmwrap\"><a href=\"https:\/\/www.dmsjuridica.com\/buscador_20179478954\/corteconstitucionalcronologico202454587\/t-455-18\/\" class=\"_self pt-cv-readmore btn btn-success\" target=\"_self\">Ver Sentencia Completa...<\/a><\/div><\/div><\/div><\/div>\n<div class=\"col-md-12 col-sm-12 col-xs-12 pt-cv-content-item pt-cv-1-col\" ><div class='pt-cv-ifield'><a href=\"https:\/\/www.dmsjuridica.com\/buscador_20179478954\/corteconstitucionalcronologico202454587\/t-454-18\/\" class=\"_self pt-cv-href-thumbnail pt-cv-thumb-default\" target=\"_self\" ><\/a>\n<div class=\"pt-cv-taxoterm above_title\"><a href='https:\/\/www.dmsjuridica.com\/buscador_20179478954\/corteconstitucionalcronologico202454587\/category\/buscar-en-toda-la-corte\/2018\/tutelas-2018\/' title='Tutelas 2018' class='pt-cv-tax-tutelas-2018'>Tutelas 2018<\/a><\/div>\n<h4 class=\"pt-cv-title\"><a href=\"https:\/\/www.dmsjuridica.com\/buscador_20179478954\/corteconstitucionalcronologico202454587\/t-454-18\/\" class=\"_self\" target=\"_self\" >T-454-18<\/a><\/h4>\n<div class=\"pt-cv-content\">\u00a0 \u00a0 \u00a0 \u00a0 \u00a0T-454-18 \u00a0 \u00a0 \u00a0 \u00a0 \u00a0 \u00a0\u00a0 Sentencia T-454\/18 \u00a0 \u00a0 ACCION DE TUTELA CONTRA PARTICULARES-Caso en el cual \u00a0 el accionante considera vulnerados sus derechos por una nota period\u00edstica \u00a0 publicada por un particular en su perfil de la red social Facebook \u00a0 \u00a0 ACCION DE TUTELA CONTRA PARTICULARES-Procedencia \u00a0 excepcional \u00a0 \u00a0 El art\u00edculo 5\u00ba del Decreto Ley \u00a0 2591 de 1991 se\u00f1ala que la acci\u00f3n de tutela procede contra toda acci\u00f3n u omisi\u00f3n \u00a0 de las autoridades p\u00fablicas que vulneren o amenacen vulnerar los derechos \u00a0 fundamentales de los accionantes. De manera excepcional, ...<br \/><div class=\"pt-cv-rmwrap\"><a href=\"https:\/\/www.dmsjuridica.com\/buscador_20179478954\/corteconstitucionalcronologico202454587\/t-454-18\/\" class=\"_self pt-cv-readmore btn btn-success\" target=\"_self\">Ver Sentencia Completa...<\/a><\/div><\/div><\/div><\/div>\n<div class=\"col-md-12 col-sm-12 col-xs-12 pt-cv-content-item pt-cv-1-col\" ><div class='pt-cv-ifield'><a href=\"https:\/\/www.dmsjuridica.com\/buscador_20179478954\/corteconstitucionalcronologico202454587\/t-453-18\/\" class=\"_self pt-cv-href-thumbnail pt-cv-thumb-default\" target=\"_self\" ><\/a>\n<div class=\"pt-cv-taxoterm above_title\"><a href='https:\/\/www.dmsjuridica.com\/buscador_20179478954\/corteconstitucionalcronologico202454587\/category\/buscar-en-toda-la-corte\/2018\/tutelas-2018\/' title='Tutelas 2018' class='pt-cv-tax-tutelas-2018'>Tutelas 2018<\/a><\/div>\n<h4 class=\"pt-cv-title\"><a href=\"https:\/\/www.dmsjuridica.com\/buscador_20179478954\/corteconstitucionalcronologico202454587\/t-453-18\/\" class=\"_self\" target=\"_self\" >T-453-18<\/a><\/h4>\n<div class=\"pt-cv-content\">\u00a0 \u00a0 \u00a0 \u00a0 \u00a0T-453-18 \u00a0 \u00a0 \u00a0 \u00a0 \u00a0 \u00a0\u00a0 Sentencia T-453\/18 \u00a0 \u00a0 ACCION DE TUTELA CONTRA ACTO ADMINISTRATIVO-Caso en que se neg\u00f3 reconocimiento de \u00a0 pr\u00e1ctica jur\u00eddica \u00a0 \u00a0 PRINCIPIO DE SUBSIDIARIEDAD DE LA ACCION DE TUTELA CONTRA \u00a0 ACTOS ADMINISTRATIVOS-Cumple el requisito pues la acci\u00f3n de \u00a0 nulidad y restablecimiento del derecho no es el mecanismo id\u00f3neo y eficaz para \u00a0 la protecci\u00f3n de los derechos fundamentales de la accionante \u00a0 \u00a0 PRINCIPIO DE LA BUENA FE-Concepto \u00a0 \u00a0 PRINCIPIO DE LA BUENA FE-Alcance \u00a0 \u00a0 PRINCIPIO DE CONFIANZA LEGITIMA-Concepto \u00a0 \u00a0 PRINCIPIO DE CONFIANZA LEGITIMA-Alcance ...<br \/><div class=\"pt-cv-rmwrap\"><a href=\"https:\/\/www.dmsjuridica.com\/buscador_20179478954\/corteconstitucionalcronologico202454587\/t-453-18\/\" class=\"_self pt-cv-readmore btn btn-success\" target=\"_self\">Ver Sentencia Completa...<\/a><\/div><\/div><\/div><\/div>\n<div class=\"col-md-12 col-sm-12 col-xs-12 pt-cv-content-item pt-cv-1-col\" ><div class='pt-cv-ifield'><a href=\"https:\/\/www.dmsjuridica.com\/buscador_20179478954\/corteconstitucionalcronologico202454587\/t-452-18\/\" class=\"_self pt-cv-href-thumbnail pt-cv-thumb-default\" target=\"_self\" ><\/a>\n<div class=\"pt-cv-taxoterm above_title\"><a href='https:\/\/www.dmsjuridica.com\/buscador_20179478954\/corteconstitucionalcronologico202454587\/category\/buscar-en-toda-la-corte\/2018\/tutelas-2018\/' title='Tutelas 2018' class='pt-cv-tax-tutelas-2018'>Tutelas 2018<\/a><\/div>\n<h4 class=\"pt-cv-title\"><a href=\"https:\/\/www.dmsjuridica.com\/buscador_20179478954\/corteconstitucionalcronologico202454587\/t-452-18\/\" class=\"_self\" target=\"_self\" >T-452-18<\/a><\/h4>\n<div class=\"pt-cv-content\">\u00a0 \u00a0 \u00a0 \u00a0 \u00a0T-452-18 \u00a0 \u00a0 \u00a0 \u00a0 \u00a0 \u00a0\u00a0 Sentencia T-452\/18 \u00a0 \u00a0 ACCION \u00a0 DE TUTELA CONTRA POLICIA NACIONAL-Caso \u00a0 en que ex polic\u00eda es retirado del servicio sin tener en cuenta su condici\u00f3n de \u00a0 paciente con diagn\u00f3stico de consumo de sustancias psicoactivas \u00a0 \u00a0 REGIMEN \u00a0 ESPECIAL DE SEGURIDAD SOCIAL EN SALUD DE LAS FUERZAS MILITARES Y POLICIA \u00a0 NACIONAL-Beneficiarios \u00a0 \u00a0 DERECHO \u00a0 A LA SALUD DEL PERSONAL RETIRADO DEL SERVICIO ACTIVO DE LAS FUERZAS MILITARES Y \u00a0 POLICIA NACIONAL-Obligaci\u00f3n de prestar \u00a0 asistencia m\u00e9dica a sus miembros retirados dentro del principio de continuidad ...<br \/><div class=\"pt-cv-rmwrap\"><a href=\"https:\/\/www.dmsjuridica.com\/buscador_20179478954\/corteconstitucionalcronologico202454587\/t-452-18\/\" class=\"_self pt-cv-readmore btn btn-success\" target=\"_self\">Ver Sentencia Completa...<\/a><\/div><\/div><\/div><\/div>\n<div class=\"col-md-12 col-sm-12 col-xs-12 pt-cv-content-item pt-cv-1-col\" ><div class='pt-cv-ifield'><a href=\"https:\/\/www.dmsjuridica.com\/buscador_20179478954\/corteconstitucionalcronologico202454587\/t-451-18\/\" class=\"_self pt-cv-href-thumbnail pt-cv-thumb-default\" target=\"_self\" ><\/a>\n<div class=\"pt-cv-taxoterm above_title\"><a href='https:\/\/www.dmsjuridica.com\/buscador_20179478954\/corteconstitucionalcronologico202454587\/category\/buscar-en-toda-la-corte\/2018\/tutelas-2018\/' title='Tutelas 2018' class='pt-cv-tax-tutelas-2018'>Tutelas 2018<\/a><\/div>\n<h4 class=\"pt-cv-title\"><a href=\"https:\/\/www.dmsjuridica.com\/buscador_20179478954\/corteconstitucionalcronologico202454587\/t-451-18\/\" class=\"_self\" target=\"_self\" >T-451-18<\/a><\/h4>\n<div class=\"pt-cv-content\">\u00a0 \u00a0 \u00a0 \u00a0 \u00a0T-451-18 \u00a0 \u00a0 \u00a0 \u00a0 \u00a0 \u00a0\u00a0 Sentencia \u00a0 T-451\/18 \u00a0 \u00a0 ACCION DE TUTELA CONTRA PROVIDENCIAS JUDICIALES-Caso en que los jueces de instancia dentro de \u00a0 un proceso ejecutivo declaran como no probadas las excepciones de prescripci\u00f3n y \u00a0 contrato no cumplido \u00a0 \u00a0 ACCION DE TUTELA CONTRA PROVIDENCIAS JUDICIALES-Requisitos generales y especiales de \u00a0 procedibilidad \u00a0 \u00a0 CARACTERIZACION DEL DEFECTO MATERIAL O SUSTANTIVO COMO CAUSAL DE \u00a0 PROCEDIBILIDAD DE LA ACCION DE TUTELA CONTRA PROVIDENCIAS JUDICIALES-Reiteraci\u00f3n de jurisprudencia \u00a0 \u00a0 CARACTERIZACION DEL DEFECTO FACTICO COMO CAUSAL ESPECIFICA DE \u00a0 PROCEDIBILIDAD DE LA ACCION DE ...<br \/><div class=\"pt-cv-rmwrap\"><a href=\"https:\/\/www.dmsjuridica.com\/buscador_20179478954\/corteconstitucionalcronologico202454587\/t-451-18\/\" class=\"_self pt-cv-readmore btn btn-success\" target=\"_self\">Ver Sentencia Completa...<\/a><\/div><\/div><\/div><\/div>\n<div class=\"col-md-12 col-sm-12 col-xs-12 pt-cv-content-item pt-cv-1-col\" ><div class='pt-cv-ifield'><a href=\"https:\/\/www.dmsjuridica.com\/buscador_20179478954\/corteconstitucionalcronologico202454587\/t-450-18\/\" class=\"_self pt-cv-href-thumbnail pt-cv-thumb-default\" target=\"_self\" ><\/a>\n<div class=\"pt-cv-taxoterm above_title\"><a href='https:\/\/www.dmsjuridica.com\/buscador_20179478954\/corteconstitucionalcronologico202454587\/category\/buscar-en-toda-la-corte\/2018\/tutelas-2018\/' title='Tutelas 2018' class='pt-cv-tax-tutelas-2018'>Tutelas 2018<\/a><\/div>\n<h4 class=\"pt-cv-title\"><a href=\"https:\/\/www.dmsjuridica.com\/buscador_20179478954\/corteconstitucionalcronologico202454587\/t-450-18\/\" class=\"_self\" target=\"_self\" >T-450-18<\/a><\/h4>\n<div class=\"pt-cv-content\">\u00a0 \u00a0 \u00a0 \u00a0 \u00a0T-450-18 \u00a0 \u00a0 \u00a0 \u00a0 \u00a0 \u00a0\u00a0 Sentencia T-450\/18 \u00a0 \u00a0 ACCION DE TUTELA CONTRA PROVIDENCIAS JUDICIALES EN \u00a0 PROCESO DISCIPLINARIO-Caso en el que \u00a0 se impone sanci\u00f3n disciplinaria a un juez por declarar ilegal el procedimiento \u00a0 de captura de unas personas \u00a0 \u00a0 ACCION DE TUTELA CONTRA PROVIDENCIAS JUDICIALES-Requisitos generales y especiales de procedibilidad \u00a0 \u00a0 FUNCION JUDICIAL-Naturaleza\/FUNCION JUDICIAL-Independencia y autonom\u00eda de quienes \u00a0 la cumplen \u00a0 \u00a0 Se puede \u00a0 afirmar que la autonom\u00eda e independencia judicial comporta tres atributos \u00a0 b\u00e1sicos en nuestro ordenamiento superior:\u00a0i)\u00a0Un primer atributo, cuya \u00a0 connotaci\u00f3n es esencialmente ...<br \/><div class=\"pt-cv-rmwrap\"><a href=\"https:\/\/www.dmsjuridica.com\/buscador_20179478954\/corteconstitucionalcronologico202454587\/t-450-18\/\" class=\"_self pt-cv-readmore btn btn-success\" target=\"_self\">Ver Sentencia Completa...<\/a><\/div><\/div><\/div><\/div>\n<div class=\"col-md-12 col-sm-12 col-xs-12 pt-cv-content-item pt-cv-1-col\" ><div class='pt-cv-ifield'><a href=\"https:\/\/www.dmsjuridica.com\/buscador_20179478954\/corteconstitucionalcronologico202454587\/t-449-18\/\" class=\"_self pt-cv-href-thumbnail pt-cv-thumb-default\" target=\"_self\" ><\/a>\n<div class=\"pt-cv-taxoterm above_title\"><a href='https:\/\/www.dmsjuridica.com\/buscador_20179478954\/corteconstitucionalcronologico202454587\/category\/buscar-en-toda-la-corte\/2018\/tutelas-2018\/' title='Tutelas 2018' class='pt-cv-tax-tutelas-2018'>Tutelas 2018<\/a><\/div>\n<h4 class=\"pt-cv-title\"><a href=\"https:\/\/www.dmsjuridica.com\/buscador_20179478954\/corteconstitucionalcronologico202454587\/t-449-18\/\" class=\"_self\" target=\"_self\" >T-449-18<\/a><\/h4>\n<div class=\"pt-cv-content\">Sentencia T-449\/18 \u00a0 \u00a0 AUTONOMIA E INDEPENDENCIA DE LA IGLESIA CATOLICA-Jurisprudencia constitucional \u00a0 \u00a0 Es di\u00e1fano concluir que el Estado \u00a0 respeta la independencia de la Iglesia y especialmente la libertad religiosa de \u00a0 sus ciudadanos para: (i) contraer matrimonio religioso bajo los par\u00e1metros \u00a0 normativos establecidos en esta religi\u00f3n, y (ii) para que el matrimonio sea \u00a0 revisado seg\u00fan las normas can\u00f3nicas y conforme al modelo matrimonial que \u00a0 libremente se ha elegido al momento de celebrar la uni\u00f3n. En este sentido y en virtud del \u00a0 pluralismo pol\u00edtico y religioso que permite la coexistencia de ordenamientos \u00a0 jur\u00eddicos ...<br \/><div class=\"pt-cv-rmwrap\"><a href=\"https:\/\/www.dmsjuridica.com\/buscador_20179478954\/corteconstitucionalcronologico202454587\/t-449-18\/\" class=\"_self pt-cv-readmore btn btn-success\" target=\"_self\">Ver Sentencia Completa...<\/a><\/div><\/div><\/div><\/div>\n<div class=\"col-md-12 col-sm-12 col-xs-12 pt-cv-content-item pt-cv-1-col\" ><div class='pt-cv-ifield'><a href=\"https:\/\/www.dmsjuridica.com\/buscador_20179478954\/corteconstitucionalcronologico202454587\/t-448-18\/\" class=\"_self pt-cv-href-thumbnail pt-cv-thumb-default\" target=\"_self\" ><\/a>\n<div class=\"pt-cv-taxoterm above_title\"><a href='https:\/\/www.dmsjuridica.com\/buscador_20179478954\/corteconstitucionalcronologico202454587\/category\/buscar-en-toda-la-corte\/2018\/tutelas-2018\/' title='Tutelas 2018' class='pt-cv-tax-tutelas-2018'>Tutelas 2018<\/a><\/div>\n<h4 class=\"pt-cv-title\"><a href=\"https:\/\/www.dmsjuridica.com\/buscador_20179478954\/corteconstitucionalcronologico202454587\/t-448-18\/\" class=\"_self\" target=\"_self\" >T-448-18<\/a><\/h4>\n<div class=\"pt-cv-content\">\u00a0 \u00a0 \u00a0 \u00a0 \u00a0T-448-18 \u00a0 \u00a0 \u00a0 \u00a0 \u00a0 \u00a0\u00a0 Sentencia T-448\/18 \u00a0 \u00a0 ACCION DE TUTELA \u00a0 CONTRA PROVIDENCIAS JUDICIALES-Requisitos generales y especiales de \u00a0 procedibilidad \u00a0 \u00a0 CARACTERIZACION DEL \u00a0 DEFECTO POR DESCONOCIMIENTO DEL PRECEDENTE CONSTITUCIONAL \u00a0 \u00a0 INTERES SUPERIOR DE \u00a0 LOS NI\u00d1OS, NI\u00d1AS Y ADOLESCENTES ANTE DELITOS DE VIOLENCIA SEXUAL \u00a0 \u00a0 INTERES SUPERIOR \u00a0 DEL MENOR Y PROTECCION DE NI\u00d1OS, NI\u00d1AS Y ADOLESCENTES-Protecci\u00f3n \u00a0 constitucional e internacional \u00a0 \u00a0 DERECHO DE LOS \u00a0 NI\u00d1OS, NI\u00d1AS Y ADOLESCENTES A NO SER OBJETO DE NINGUNA FORMA DE VIOLENCIA-Especialmente de \u00a0 violencia sexual \u00a0 \u00a0 DERECHO DE ...<br \/><div class=\"pt-cv-rmwrap\"><a href=\"https:\/\/www.dmsjuridica.com\/buscador_20179478954\/corteconstitucionalcronologico202454587\/t-448-18\/\" class=\"_self pt-cv-readmore btn btn-success\" target=\"_self\">Ver Sentencia Completa...<\/a><\/div><\/div><\/div><\/div>\n<div class=\"col-md-12 col-sm-12 col-xs-12 pt-cv-content-item pt-cv-1-col\" ><div class='pt-cv-ifield'><a href=\"https:\/\/www.dmsjuridica.com\/buscador_20179478954\/corteconstitucionalcronologico202454587\/t-447-18\/\" class=\"_self pt-cv-href-thumbnail pt-cv-thumb-default\" target=\"_self\" ><\/a>\n<div class=\"pt-cv-taxoterm above_title\"><a href='https:\/\/www.dmsjuridica.com\/buscador_20179478954\/corteconstitucionalcronologico202454587\/category\/buscar-en-toda-la-corte\/2018\/tutelas-2018\/' title='Tutelas 2018' class='pt-cv-tax-tutelas-2018'>Tutelas 2018<\/a><\/div>\n<h4 class=\"pt-cv-title\"><a href=\"https:\/\/www.dmsjuridica.com\/buscador_20179478954\/corteconstitucionalcronologico202454587\/t-447-18\/\" class=\"_self\" target=\"_self\" >T-447-18<\/a><\/h4>\n<div class=\"pt-cv-content\">\u00a0 \u00a0 \u00a0 \u00a0 \u00a0T-447-18 \u00a0 \u00a0 \u00a0 \u00a0 \u00a0 \u00a0\u00a0 Sentencia T-447\/18 \u00a0 \u00a0 ACCION DE TUTELA \u00a0 CONTRA ICBF-Caso \u00a0 en que madres comunitarias o sustitutas solicitan reconocimiento de una relaci\u00f3n \u00a0 de trabajo y el pago de salarios, prestaciones sociales y aportes parafiscales \u00a0 en pensiones \u00a0 \u00a0 PROGRAMA HOGARES \u00a0 COMUNITARIOS DE BIENESTAR-Naturaleza jur\u00eddica \u00a0 \u00a0 PROGRAMA HOGARES \u00a0 COMUNITARIOS DE BIENESTAR-Reiteraci\u00f3n SU-079\/18 \u00a0 \u00a0 Ha considerado la Corte, en reiteradas \u00a0 oportunidades, que con anterioridad a la Ley 1607 de 2012 y al Decreto 289 de \u00a0 2014, las madres comunitarias no tuvieron v\u00ednculo o ...<br \/><div class=\"pt-cv-rmwrap\"><a href=\"https:\/\/www.dmsjuridica.com\/buscador_20179478954\/corteconstitucionalcronologico202454587\/t-447-18\/\" class=\"_self pt-cv-readmore btn btn-success\" target=\"_self\">Ver Sentencia Completa...<\/a><\/div><\/div><\/div><\/div>\n<div class=\"col-md-12 col-sm-12 col-xs-12 pt-cv-content-item pt-cv-1-col\" ><div class='pt-cv-ifield'><a href=\"https:\/\/www.dmsjuridica.com\/buscador_20179478954\/corteconstitucionalcronologico202454587\/t-446-18\/\" class=\"_self pt-cv-href-thumbnail pt-cv-thumb-default\" target=\"_self\" ><\/a>\n<div class=\"pt-cv-taxoterm above_title\"><a href='https:\/\/www.dmsjuridica.com\/buscador_20179478954\/corteconstitucionalcronologico202454587\/category\/buscar-en-toda-la-corte\/2018\/tutelas-2018\/' title='Tutelas 2018' class='pt-cv-tax-tutelas-2018'>Tutelas 2018<\/a><\/div>\n<h4 class=\"pt-cv-title\"><a href=\"https:\/\/www.dmsjuridica.com\/buscador_20179478954\/corteconstitucionalcronologico202454587\/t-446-18\/\" class=\"_self\" target=\"_self\" >T-446-18<\/a><\/h4>\n<div class=\"pt-cv-content\">\u00a0 \u00a0 \u00a0 \u00a0 \u00a0T-446-18 \u00a0 \u00a0 \u00a0 \u00a0 \u00a0 \u00a0\u00a0 Sentencia T-446\/18 \u00a0 \u00a0 CUBRIMIENTO DE GASTOS DE TRANSPORTE PARA PACIENTE Y ACOMPA\u00d1ANTE Y DERECHO A LA \u00a0 SALUD DE MENOR EN SITUACION DE DISCAPACIDAD \u00a0 \u00a0 LEGITIMACION POR ACTIVA EN TUTELA-Madre en representaci\u00f3n de hijo menor \u00a0 \u00a0 LEGITIMACION POR PASIVA EN TUTELA-Entidad que se ocupa \u00a0 de prestar el servicio p\u00fablico de salud \u00a0 \u00a0 PRINCIPIO DE INMEDIATEZ EN ACCION DE TUTELA-Reglas generales \u00a0 \u00a0 LEY 1122\/07-Confiri\u00f3 a Superintendencia Nacional de Salud \u00a0 facultades jurisdiccionales para adelantar procedimientos que resuelvan \u00a0 controversias entre entidades promotoras de salud ...<br \/><div class=\"pt-cv-rmwrap\"><a href=\"https:\/\/www.dmsjuridica.com\/buscador_20179478954\/corteconstitucionalcronologico202454587\/t-446-18\/\" class=\"_self pt-cv-readmore btn btn-success\" target=\"_self\">Ver Sentencia Completa...<\/a><\/div><\/div><\/div><\/div>\n<div class=\"col-md-12 col-sm-12 col-xs-12 pt-cv-content-item pt-cv-1-col\" ><div class='pt-cv-ifield'><a href=\"https:\/\/www.dmsjuridica.com\/buscador_20179478954\/corteconstitucionalcronologico202454587\/t-445-18\/\" class=\"_self pt-cv-href-thumbnail pt-cv-thumb-default\" target=\"_self\" ><\/a>\n<div class=\"pt-cv-taxoterm above_title\"><a href='https:\/\/www.dmsjuridica.com\/buscador_20179478954\/corteconstitucionalcronologico202454587\/category\/buscar-en-toda-la-corte\/2018\/tutelas-2018\/' title='Tutelas 2018' class='pt-cv-tax-tutelas-2018'>Tutelas 2018<\/a><\/div>\n<h4 class=\"pt-cv-title\"><a href=\"https:\/\/www.dmsjuridica.com\/buscador_20179478954\/corteconstitucionalcronologico202454587\/t-445-18\/\" class=\"_self\" target=\"_self\" >T-445-18<\/a><\/h4>\n<div class=\"pt-cv-content\">\u00a0 \u00a0 \u00a0 \u00a0 \u00a0T-445-18 \u00a0 \u00a0 \u00a0 \u00a0 \u00a0 \u00a0\u00a0 Sentencia T-445\/18 \u00a0 \u00a0 ACCION DE TUTELA CONTRA EPS-Caso en que se neg\u00f3 suministro de \u00a0 medicamento prescrito que no se encuentra cubierto por el Plan de \u00a0 Beneficios en Salud para tratar a menor de edad diagnosticado con acn\u00e9 severo \u00a0 \u00a0 TECNOLOGIAS EN SALUD NO CUBIERTAS POR EL PLAN DE BENEFICIOS EN SALUD CON \u00a0 IMPLICACIONES COSMETICAS-Deben \u00a0 ser prescritas luego de haber agotado o descartado las posibilidades t\u00e9cnicas y \u00a0 cient\u00edficas de las tecnolog\u00edas en salud que s\u00ed est\u00e1n contenidas en el Plan de \u00a0 Beneficios ...<br \/><div class=\"pt-cv-rmwrap\"><a href=\"https:\/\/www.dmsjuridica.com\/buscador_20179478954\/corteconstitucionalcronologico202454587\/t-445-18\/\" class=\"_self pt-cv-readmore btn btn-success\" target=\"_self\">Ver Sentencia Completa...<\/a><\/div><\/div><\/div><\/div>\n<div class=\"col-md-12 col-sm-12 col-xs-12 pt-cv-content-item pt-cv-1-col\" ><div class='pt-cv-ifield'><a href=\"https:\/\/www.dmsjuridica.com\/buscador_20179478954\/corteconstitucionalcronologico202454587\/t-444-18\/\" class=\"_self pt-cv-href-thumbnail pt-cv-thumb-default\" target=\"_self\" ><\/a>\n<div class=\"pt-cv-taxoterm above_title\"><a href='https:\/\/www.dmsjuridica.com\/buscador_20179478954\/corteconstitucionalcronologico202454587\/category\/buscar-en-toda-la-corte\/2018\/tutelas-2018\/' title='Tutelas 2018' class='pt-cv-tax-tutelas-2018'>Tutelas 2018<\/a><\/div>\n<h4 class=\"pt-cv-title\"><a href=\"https:\/\/www.dmsjuridica.com\/buscador_20179478954\/corteconstitucionalcronologico202454587\/t-444-18\/\" class=\"_self\" target=\"_self\" >T-444-18<\/a><\/h4>\n<div class=\"pt-cv-content\">\u00a0 \u00a0 \u00a0 \u00a0 \u00a0T-444-18 \u00a0 \u00a0 \u00a0 \u00a0 \u00a0 \u00a0\u00a0 Sentencia T-444\/18 \u00a0 \u00a0 DERECHO A LA SALUD DE NI\u00d1OS Y NI\u00d1AS EN \u00a0 SITUACION DE DISCAPACIDAD MENTAL \u00a0 \u00a0 LEGITIMACION POR ACTIVA EN TUTELA-Madre en \u00a0 representaci\u00f3n de hija menor de edad \u00a0 \u00a0 ACCION DE TUTELA CONTRA PARTICULARES-Procedencia excepcional \u00a0 \u00a0 LEGITIMACION POR PASIVA EN TUTELA-Entidad de car\u00e1cter \u00a0 particular que se ocupa de prestar el servicio p\u00fablico de salud \u00a0 \u00a0 PRINCIPIO DE INMEDIATEZ EN ACCION DE TUTELA-Reglas generales \u00a0 \u00a0 ACCION DE TUTELA Y REQUISITO DE SUBSIDIARIEDAD-Flexibilidad en caso \u00a0 de sujetos de especial protecci\u00f3n ...<br \/><div class=\"pt-cv-rmwrap\"><a href=\"https:\/\/www.dmsjuridica.com\/buscador_20179478954\/corteconstitucionalcronologico202454587\/t-444-18\/\" class=\"_self pt-cv-readmore btn btn-success\" target=\"_self\">Ver Sentencia Completa...<\/a><\/div><\/div><\/div><\/div>\n<div class=\"col-md-12 col-sm-12 col-xs-12 pt-cv-content-item pt-cv-1-col\" ><div class='pt-cv-ifield'><a href=\"https:\/\/www.dmsjuridica.com\/buscador_20179478954\/corteconstitucionalcronologico202454587\/t-443-18\/\" class=\"_self pt-cv-href-thumbnail pt-cv-thumb-default\" target=\"_self\" ><\/a>\n<div class=\"pt-cv-taxoterm above_title\"><a href='https:\/\/www.dmsjuridica.com\/buscador_20179478954\/corteconstitucionalcronologico202454587\/category\/buscar-en-toda-la-corte\/2018\/tutelas-2018\/' title='Tutelas 2018' class='pt-cv-tax-tutelas-2018'>Tutelas 2018<\/a><\/div>\n<h4 class=\"pt-cv-title\"><a href=\"https:\/\/www.dmsjuridica.com\/buscador_20179478954\/corteconstitucionalcronologico202454587\/t-443-18\/\" class=\"_self\" target=\"_self\" >T-443-18<\/a><\/h4>\n<div class=\"pt-cv-content\">\u00a0 \u00a0 \u00a0 \u00a0 \u00a0T-443-18 \u00a0 \u00a0 \u00a0 \u00a0 \u00a0 \u00a0\u00a0 Sentencia T-443\/18 \u00a0 \u00a0 ACCION DE TUTELA CONTRA DECISIONES DE AUTORIDADES \u00a0 DE COMUNIDADES INDIGENAS-Procedencia al \u00a0 tratarse de un menor de edad y ser sujeto de especial protecci\u00f3n constitucional \u00a0 \u00a0 JURISDICCION ESPECIAL INDIGENA-Alcance \u00a0 y l\u00edmites \u00a0 \u00a0 El Estado tiene la \u00a0 obligaci\u00f3n de garantizar los derechos fundamentales de las comunidades \u00e9tnicas y \u00a0 de promover su autonom\u00eda, preservar su existencia e impulsar su desarrollo y \u00a0 fortalecimiento cultural. No obstante, la jurisprudencia constitucional ha \u00a0 aclarado que el derecho fundamental a la diversidad e identidad ...<br \/><div class=\"pt-cv-rmwrap\"><a href=\"https:\/\/www.dmsjuridica.com\/buscador_20179478954\/corteconstitucionalcronologico202454587\/t-443-18\/\" class=\"_self pt-cv-readmore btn btn-success\" target=\"_self\">Ver Sentencia Completa...<\/a><\/div><\/div><\/div><\/div>\n<div class=\"col-md-12 col-sm-12 col-xs-12 pt-cv-content-item pt-cv-1-col\" ><div class='pt-cv-ifield'><a href=\"https:\/\/www.dmsjuridica.com\/buscador_20179478954\/corteconstitucionalcronologico202454587\/t-442-18\/\" class=\"_self pt-cv-href-thumbnail pt-cv-thumb-default\" target=\"_self\" ><\/a>\n<div class=\"pt-cv-taxoterm above_title\"><a href='https:\/\/www.dmsjuridica.com\/buscador_20179478954\/corteconstitucionalcronologico202454587\/category\/buscar-en-toda-la-corte\/2018\/tutelas-2018\/' title='Tutelas 2018' class='pt-cv-tax-tutelas-2018'>Tutelas 2018<\/a><\/div>\n<h4 class=\"pt-cv-title\"><a href=\"https:\/\/www.dmsjuridica.com\/buscador_20179478954\/corteconstitucionalcronologico202454587\/t-442-18\/\" class=\"_self\" target=\"_self\" >T-442-18<\/a><\/h4>\n<div class=\"pt-cv-content\">\u00a0 \u00a0 \u00a0 \u00a0 \u00a0T-442-18 \u00a0 \u00a0 \u00a0 \u00a0 \u00a0 \u00a0\u00a0 Sentencia T-442\/18 \u00a0 \u00a0 CORTE CONSTITUCIONAL-Fallo o \u00a0 exclusi\u00f3n de revisi\u00f3n de proceso de tutela hacen tr\u00e1nsito a cosa juzgada \u00a0 constitucional \u00a0 \u00a0 COSA JUZGADA CONSTITUCIONAL \u00a0 FRENTE AL PRINCIPIO FRAUDE LO CORROMPE TODO \u00a0 \u00a0 Este reconocimiento de escenarios en \u00a0 que la cosa juzgada cede frente a otros intereses constitucionalmente relevantes \u00a0 ha llevado a la Corte incluso a tener en cuenta informaci\u00f3n conocida con \u00a0 posterioridad a un fallo ejecutoriado. Tal es la situaci\u00f3n que se ha presentado, \u00a0 por ejemplo, en casos en que ...<br \/><div class=\"pt-cv-rmwrap\"><a href=\"https:\/\/www.dmsjuridica.com\/buscador_20179478954\/corteconstitucionalcronologico202454587\/t-442-18\/\" class=\"_self pt-cv-readmore btn btn-success\" target=\"_self\">Ver Sentencia Completa...<\/a><\/div><\/div><\/div><\/div>\n<div class=\"col-md-12 col-sm-12 col-xs-12 pt-cv-content-item pt-cv-1-col\" ><div class='pt-cv-ifield'><a href=\"https:\/\/www.dmsjuridica.com\/buscador_20179478954\/corteconstitucionalcronologico202454587\/t-441-18\/\" class=\"_self pt-cv-href-thumbnail pt-cv-thumb-default\" target=\"_self\" ><\/a>\n<div class=\"pt-cv-taxoterm above_title\"><a href='https:\/\/www.dmsjuridica.com\/buscador_20179478954\/corteconstitucionalcronologico202454587\/category\/buscar-en-toda-la-corte\/2018\/tutelas-2018\/' title='Tutelas 2018' class='pt-cv-tax-tutelas-2018'>Tutelas 2018<\/a><\/div>\n<h4 class=\"pt-cv-title\"><a href=\"https:\/\/www.dmsjuridica.com\/buscador_20179478954\/corteconstitucionalcronologico202454587\/t-441-18\/\" class=\"_self\" target=\"_self\" >T-441-18<\/a><\/h4>\n<div class=\"pt-cv-content\">\u00a0 \u00a0 \u00a0 \u00a0 \u00a0T-441-18 \u00a0 \u00a0 \u00a0 \u00a0 \u00a0 \u00a0\u00a0 Sentencia T-441\/18 \u00a0 \u00a0 ACCION DE TUTELA CONTRA PROVIDENCIAS JUDICIALES-Procedencia excepcional \u00a0 \u00a0 ACCION DE TUTELA CONTRA PROVIDENCIAS JUDICIALES-Requisitos generales y especiales de \u00a0 procedibilidad\u00a0 \u00a0 \u00a0 CARACTERIZACION DEL DEFECTO MATERIAL O SUSTANTIVO COMO CAUSAL DE \u00a0 PROCEDIBILIDAD DE LA ACCION DE TUTELA CONTRA PROVIDENCIAS JUDICIALES-Reiteraci\u00f3n de jurisprudencia \u00a0 \u00a0 El defecto material o sustantivo es una \u00a0 falencia o yerro en una providencia judicial originado en el proceso de \u00a0 interpretaci\u00f3n o aplicaci\u00f3n de las normas jur\u00eddicas por parte del juez natural. \u00a0 Sin embargo, para que se ...<br \/><div class=\"pt-cv-rmwrap\"><a href=\"https:\/\/www.dmsjuridica.com\/buscador_20179478954\/corteconstitucionalcronologico202454587\/t-441-18\/\" class=\"_self pt-cv-readmore btn btn-success\" target=\"_self\">Ver Sentencia Completa...<\/a><\/div><\/div><\/div><\/div>\n<div class=\"col-md-12 col-sm-12 col-xs-12 pt-cv-content-item pt-cv-1-col\" ><div class='pt-cv-ifield'><a href=\"https:\/\/www.dmsjuridica.com\/buscador_20179478954\/corteconstitucionalcronologico202454587\/t-440-18\/\" class=\"_self pt-cv-href-thumbnail pt-cv-thumb-default\" target=\"_self\" ><\/a>\n<div class=\"pt-cv-taxoterm above_title\"><a href='https:\/\/www.dmsjuridica.com\/buscador_20179478954\/corteconstitucionalcronologico202454587\/category\/buscar-en-toda-la-corte\/2018\/tutelas-2018\/' title='Tutelas 2018' class='pt-cv-tax-tutelas-2018'>Tutelas 2018<\/a><\/div>\n<h4 class=\"pt-cv-title\"><a href=\"https:\/\/www.dmsjuridica.com\/buscador_20179478954\/corteconstitucionalcronologico202454587\/t-440-18\/\" class=\"_self\" target=\"_self\" >T-440-18<\/a><\/h4>\n<div class=\"pt-cv-content\">\u00a0 \u00a0 \u00a0 \u00a0 \u00a0T-440-18 \u00a0 \u00a0 \u00a0 \u00a0 \u00a0 \u00a0\u00a0 Sentencia T-440\/18 \u00a0 \u00a0 PRINCIPIO DE SUBSIDIARIEDAD DE LA ACCION DE TUTELA-Juez debe verificar si ante la existencia de otro \u00a0 medio de defensa judicial, \u00e9ste es eficaz e id\u00f3neo \u00a0 \u00a0 ACCION DE TUTELA PARA RECLAMAR EL RECONOCIMIENTO Y PAGO DE DERECHOS \u00a0 PENSIONALES-Procedencia \u00a0 excepcional \u00a0 \u00a0 ACCION DE TUTELA PARA RECONOCIMIENTO DE PENSION DE \u00a0 SOBREVIVIENTES-Procedencia \u00a0 excepcional\u00a0 \u00a0 \u00a0 Dado el car\u00e1cter subsidiario de esta acci\u00f3n constitucional, por \u00a0 regla general, esta acci\u00f3n no procede para el reconocimiento de la pensi\u00f3n de \u00a0 sobrevivientes cuando ...<br \/><div class=\"pt-cv-rmwrap\"><a href=\"https:\/\/www.dmsjuridica.com\/buscador_20179478954\/corteconstitucionalcronologico202454587\/t-440-18\/\" class=\"_self pt-cv-readmore btn btn-success\" target=\"_self\">Ver Sentencia Completa...<\/a><\/div><\/div><\/div><\/div>\n<div class=\"col-md-12 col-sm-12 col-xs-12 pt-cv-content-item pt-cv-1-col\" ><div class='pt-cv-ifield'><a href=\"https:\/\/www.dmsjuridica.com\/buscador_20179478954\/corteconstitucionalcronologico202454587\/t-439-18\/\" class=\"_self pt-cv-href-thumbnail pt-cv-thumb-default\" target=\"_self\" ><\/a>\n<div class=\"pt-cv-taxoterm above_title\"><a href='https:\/\/www.dmsjuridica.com\/buscador_20179478954\/corteconstitucionalcronologico202454587\/category\/buscar-en-toda-la-corte\/2018\/tutelas-2018\/' title='Tutelas 2018' class='pt-cv-tax-tutelas-2018'>Tutelas 2018<\/a><\/div>\n<h4 class=\"pt-cv-title\"><a href=\"https:\/\/www.dmsjuridica.com\/buscador_20179478954\/corteconstitucionalcronologico202454587\/t-439-18\/\" class=\"_self\" target=\"_self\" >T-439-18<\/a><\/h4>\n<div class=\"pt-cv-content\">\u00a0 \u00a0 \u00a0 \u00a0 \u00a0T-439-18 \u00a0 \u00a0 \u00a0 \u00a0 \u00a0 \u00a0\u00a0 Sentencia \u00a0 T-439\/18 \u00a0 \u00a0 DERECHO A LA SALUD Y A LA VIDA DIGNA-Suministro de \u00a0 medicamentos y elementos esenciales para sobrellevar un padecimiento o \u00a0 enfermedad que afecte la calidad y la dignidad de la vida \u00a0 \u00a0 PRINCIPIO DE \u00a0 SUBSIDIARIEDAD DE LA ACCION DE TUTELA-Mecanismo que se ejerce ante la Superintendencia \u00a0 de Salud debe analizarse en cada caso, por lo que el juez de tutela no puede \u00a0 declarar la improcedencia de la acci\u00f3n de tutela autom\u00e1ticamente \u00a0 \u00a0 DERECHO A LA SALUD COMO DERECHO ...<br \/><div class=\"pt-cv-rmwrap\"><a href=\"https:\/\/www.dmsjuridica.com\/buscador_20179478954\/corteconstitucionalcronologico202454587\/t-439-18\/\" class=\"_self pt-cv-readmore btn btn-success\" target=\"_self\">Ver Sentencia Completa...<\/a><\/div><\/div><\/div><\/div>\n<div class=\"col-md-12 col-sm-12 col-xs-12 pt-cv-content-item pt-cv-1-col\" ><div class='pt-cv-ifield'><a href=\"https:\/\/www.dmsjuridica.com\/buscador_20179478954\/corteconstitucionalcronologico202454587\/t-438-18\/\" class=\"_self pt-cv-href-thumbnail pt-cv-thumb-default\" target=\"_self\" ><\/a>\n<div class=\"pt-cv-taxoterm above_title\"><a href='https:\/\/www.dmsjuridica.com\/buscador_20179478954\/corteconstitucionalcronologico202454587\/category\/buscar-en-toda-la-corte\/2018\/tutelas-2018\/' title='Tutelas 2018' class='pt-cv-tax-tutelas-2018'>Tutelas 2018<\/a><\/div>\n<h4 class=\"pt-cv-title\"><a href=\"https:\/\/www.dmsjuridica.com\/buscador_20179478954\/corteconstitucionalcronologico202454587\/t-438-18\/\" class=\"_self\" target=\"_self\" >T-438-18<\/a><\/h4>\n<div class=\"pt-cv-content\">\u00a0 \u00a0 \u00a0 \u00a0 \u00a0T-438-18 \u00a0 \u00a0 \u00a0 \u00a0 \u00a0 \u00a0\u00a0 Sentencia T-438\/18 \u00a0 \u00a0 ACCION DE TUTELA FRENTE A ACTOS ADMINISTRATIVOS EN MATERIA DE CONCURSO DE \u00a0 MERITOS-Caso donde \u00a0 CNSC impide al accionante continuar dentro del proceso de selecci\u00f3n para el \u00a0 cargo de Dragoneante por no cumplir con el requisito de estatura m\u00ednima \u00a0 \u00a0 ACCION DE TUTELA EN CONCURSO DE MERITOS-Procedencia \u00a0 excepcional cuando a pesar de existir otro medio de defensa judicial, \u00e9ste no \u00a0 resulta id\u00f3neo para evitar un perjuicio irremediable \u00a0 \u00a0 La Corte ha \u00a0 indicado que la acci\u00f3n de tutela no ...<br \/><div class=\"pt-cv-rmwrap\"><a href=\"https:\/\/www.dmsjuridica.com\/buscador_20179478954\/corteconstitucionalcronologico202454587\/t-438-18\/\" class=\"_self pt-cv-readmore btn btn-success\" target=\"_self\">Ver Sentencia Completa...<\/a><\/div><\/div><\/div><\/div>\n<div class=\"col-md-12 col-sm-12 col-xs-12 pt-cv-content-item pt-cv-1-col\" ><div class='pt-cv-ifield'><a href=\"https:\/\/www.dmsjuridica.com\/buscador_20179478954\/corteconstitucionalcronologico202454587\/t-437-18\/\" class=\"_self pt-cv-href-thumbnail pt-cv-thumb-default\" target=\"_self\" ><\/a>\n<div class=\"pt-cv-taxoterm above_title\"><a href='https:\/\/www.dmsjuridica.com\/buscador_20179478954\/corteconstitucionalcronologico202454587\/category\/buscar-en-toda-la-corte\/2018\/tutelas-2018\/' title='Tutelas 2018' class='pt-cv-tax-tutelas-2018'>Tutelas 2018<\/a><\/div>\n<h4 class=\"pt-cv-title\"><a href=\"https:\/\/www.dmsjuridica.com\/buscador_20179478954\/corteconstitucionalcronologico202454587\/t-437-18\/\" class=\"_self\" target=\"_self\" >T-437-18<\/a><\/h4>\n<div class=\"pt-cv-content\">\u00a0 \u00a0 \u00a0 \u00a0 \u00a0T-437-18 \u00a0 \u00a0 \u00a0 \u00a0 \u00a0 \u00a0\u00a0 Sentencia T-437\/18 \u00a0 \u00a0 INDEMNIZACION \u00a0 DERIVADA DE INCAPACIDAD PERMANENTE CAUSADA POR ACCIDENTE DE TRANSITO-Caso en que se \u00a0 niega por incumplir t\u00e9rmino entre fecha del accidente y la fecha de \u00a0 certificaci\u00f3n de p\u00e9rdida de la capacidad laboral \u00a0 \u00a0 PRINCIPIO DE \u00a0 SUBSIDIARIEDAD DE LA ACCION DE TUTELA-Juez debe verificar si ante la existencia de otro \u00a0 medio de defensa judicial, \u00e9ste es eficaz e id\u00f3neo\u00a0 \u00a0 \u00a0 Una acci\u00f3n es id\u00f3nea cuando es materialmente apta \u00a0 para producir el efecto protector de los derechos fundamentales, y ...<br \/><div class=\"pt-cv-rmwrap\"><a href=\"https:\/\/www.dmsjuridica.com\/buscador_20179478954\/corteconstitucionalcronologico202454587\/t-437-18\/\" class=\"_self pt-cv-readmore btn btn-success\" target=\"_self\">Ver Sentencia Completa...<\/a><\/div><\/div><\/div><\/div>\n<div class=\"col-md-12 col-sm-12 col-xs-12 pt-cv-content-item pt-cv-1-col\" ><div class='pt-cv-ifield'><a href=\"https:\/\/www.dmsjuridica.com\/buscador_20179478954\/corteconstitucionalcronologico202454587\/t-436-18\/\" class=\"_self pt-cv-href-thumbnail pt-cv-thumb-default\" target=\"_self\" ><\/a>\n<div class=\"pt-cv-taxoterm above_title\"><a href='https:\/\/www.dmsjuridica.com\/buscador_20179478954\/corteconstitucionalcronologico202454587\/category\/buscar-en-toda-la-corte\/2018\/tutelas-2018\/' title='Tutelas 2018' class='pt-cv-tax-tutelas-2018'>Tutelas 2018<\/a><\/div>\n<h4 class=\"pt-cv-title\"><a href=\"https:\/\/www.dmsjuridica.com\/buscador_20179478954\/corteconstitucionalcronologico202454587\/t-436-18\/\" class=\"_self\" target=\"_self\" >T-436-18<\/a><\/h4>\n<div class=\"pt-cv-content\">\u00a0 \u00a0 \u00a0 \u00a0 \u00a0T-436-18 \u00a0 \u00a0 \u00a0 \u00a0 \u00a0 \u00a0\u00a0 Sentencia T-436\/18 \u00a0 \u00a0 ACCION DE TUTELA \u00a0 CONTRA PROVIDENCIAS JUDICIALES-Requisitos generales y especiales de procedibilidad \u00a0 \u00a0 TEST DE \u00a0 VULNERABILIDAD-Requisitos de \u00a0 aplicaci\u00f3n \u00a0 \u00a0 La primera condici\u00f3n \u00a0 (hallarse en una situaci\u00f3n de riesgo), exige que el juez valore y pondere los \u00a0 diferentes factores de riesgo que pueden coincidir en la situaci\u00f3n de una \u00a0 persona, entre otros: su pertenencia a alguna de las categor\u00edas de especial \u00a0 protecci\u00f3n constitucional; que su situaci\u00f3n personal sea de pobreza, \u00a0 analfabetismo, discapacidad f\u00edsica o mental; que se ...<br \/><div class=\"pt-cv-rmwrap\"><a href=\"https:\/\/www.dmsjuridica.com\/buscador_20179478954\/corteconstitucionalcronologico202454587\/t-436-18\/\" class=\"_self pt-cv-readmore btn btn-success\" target=\"_self\">Ver Sentencia Completa...<\/a><\/div><\/div><\/div><\/div>\n<div class=\"col-md-12 col-sm-12 col-xs-12 pt-cv-content-item pt-cv-1-col\" ><div class='pt-cv-ifield'><a href=\"https:\/\/www.dmsjuridica.com\/buscador_20179478954\/corteconstitucionalcronologico202454587\/t-435-18\/\" class=\"_self pt-cv-href-thumbnail pt-cv-thumb-default\" target=\"_self\" ><\/a>\n<div class=\"pt-cv-taxoterm above_title\"><a href='https:\/\/www.dmsjuridica.com\/buscador_20179478954\/corteconstitucionalcronologico202454587\/category\/buscar-en-toda-la-corte\/2018\/tutelas-2018\/' title='Tutelas 2018' class='pt-cv-tax-tutelas-2018'>Tutelas 2018<\/a><\/div>\n<h4 class=\"pt-cv-title\"><a href=\"https:\/\/www.dmsjuridica.com\/buscador_20179478954\/corteconstitucionalcronologico202454587\/t-435-18\/\" class=\"_self\" target=\"_self\" >T-435-18<\/a><\/h4>\n<div class=\"pt-cv-content\">\u00a0 \u00a0 \u00a0 \u00a0 \u00a0T-435-18 \u00a0 \u00a0 \u00a0 \u00a0 \u00a0 \u00a0\u00a0 Sentencia T-435\/18 \u00a0 \u00a0 APLICACION DEL PRINCIPIO DE LA CONDICION MAS \u00a0 BENEFICIOSA A LA PENSION DE INVALIDEZ-Vulneraci\u00f3n a la seguridad \u00a0 social y m\u00ednimo vital de la accionante, por no reconocer pensi\u00f3n de invalidez \u00a0 \u00a0 UNIFICACION DE JURISPRUDENCIA EN MATERIA DE \u00a0 APLICACION DEL PRINCIPIO DE LA CONDICION MAS BENEFICIOSA A LA PENSION DE \u00a0 INVALIDEZ-Aplicaci\u00f3n de la tesis \u201cm\u00e1s amplia\u201d seg\u00fan la cual no \u00a0 existe l\u00edmite temporal para determinar la norma pensional \u00a0 \u00a0 PRINCIPIO DE LA CONDICION MAS BENEFICIOSA A LA \u00a0 PENSION DE ...<br \/><div class=\"pt-cv-rmwrap\"><a href=\"https:\/\/www.dmsjuridica.com\/buscador_20179478954\/corteconstitucionalcronologico202454587\/t-435-18\/\" class=\"_self pt-cv-readmore btn btn-success\" target=\"_self\">Ver Sentencia Completa...<\/a><\/div><\/div><\/div><\/div>\n<div class=\"col-md-12 col-sm-12 col-xs-12 pt-cv-content-item pt-cv-1-col\" ><div class='pt-cv-ifield'><a href=\"https:\/\/www.dmsjuridica.com\/buscador_20179478954\/corteconstitucionalcronologico202454587\/t-434-18\/\" class=\"_self pt-cv-href-thumbnail pt-cv-thumb-default\" target=\"_self\" ><\/a>\n<div class=\"pt-cv-taxoterm above_title\"><a href='https:\/\/www.dmsjuridica.com\/buscador_20179478954\/corteconstitucionalcronologico202454587\/category\/buscar-en-toda-la-corte\/2018\/tutelas-2018\/' title='Tutelas 2018' class='pt-cv-tax-tutelas-2018'>Tutelas 2018<\/a><\/div>\n<h4 class=\"pt-cv-title\"><a href=\"https:\/\/www.dmsjuridica.com\/buscador_20179478954\/corteconstitucionalcronologico202454587\/t-434-18\/\" class=\"_self\" target=\"_self\" >T-434-18<\/a><\/h4>\n<div class=\"pt-cv-content\">\u00a0 \u00a0 \u00a0 \u00a0 \u00a0T-434-18 \u00a0 \u00a0 \u00a0 \u00a0 \u00a0 \u00a0\u00a0 Sentencia \u00a0 T-434\/18 \u00a0 \u00a0 DERECHO A LA EDUCACION DE NI\u00d1OS, NI\u00d1AS Y ADOLESCENTES-Procedencia de \u00a0 la acci\u00f3n de tutela para su protecci\u00f3n \u00a0 \u00a0 ACCION DE TUTELA DE SUJETOS DE ESPECIAL PROTECCION-Procedencia \u00a0 excepcional \u00a0 \u00a0 Cuando el amparo es promovido por personas \u00a0 que requieren especial protecci\u00f3n constitucional, como ni\u00f1os, ni\u00f1as, y \u00a0 adolescentes, personas cabeza de familia, en situaci\u00f3n de discapacidad, de la \u00a0 tercera edad o poblaci\u00f3n desplazada, entre otros, el examen de procedencia de la \u00a0 tutela se hace menos estricto, a trav\u00e9s de ...<br \/><div class=\"pt-cv-rmwrap\"><a href=\"https:\/\/www.dmsjuridica.com\/buscador_20179478954\/corteconstitucionalcronologico202454587\/t-434-18\/\" class=\"_self pt-cv-readmore btn btn-success\" target=\"_self\">Ver Sentencia Completa...<\/a><\/div><\/div><\/div><\/div>\n<div class=\"col-md-12 col-sm-12 col-xs-12 pt-cv-content-item pt-cv-1-col\" ><div class='pt-cv-ifield'><a href=\"https:\/\/www.dmsjuridica.com\/buscador_20179478954\/corteconstitucionalcronologico202454587\/t-433-18\/\" class=\"_self pt-cv-href-thumbnail pt-cv-thumb-default\" target=\"_self\" ><\/a>\n<div class=\"pt-cv-taxoterm above_title\"><a href='https:\/\/www.dmsjuridica.com\/buscador_20179478954\/corteconstitucionalcronologico202454587\/category\/buscar-en-toda-la-corte\/2018\/tutelas-2018\/' title='Tutelas 2018' class='pt-cv-tax-tutelas-2018'>Tutelas 2018<\/a><\/div>\n<h4 class=\"pt-cv-title\"><a href=\"https:\/\/www.dmsjuridica.com\/buscador_20179478954\/corteconstitucionalcronologico202454587\/t-433-18\/\" class=\"_self\" target=\"_self\" >T-433-18<\/a><\/h4>\n<div class=\"pt-cv-content\">\u00a0 \u00a0 \u00a0 \u00a0 \u00a0T-433-18 \u00a0 \u00a0 \u00a0 \u00a0 \u00a0 \u00a0\u00a0 Sentencia T-433\/18 \u00a0 \u00a0 REAJUSTE PENSIONAL DEL 14% EN RELACION \u00a0 CON EL CONYUGE O COMPA\u00d1ERO(A) PERMANENTE QUE DEPENDE ECONOMICAMENTE DEL \u00a0 BENEFICIARIO DE LA PENSION-Solicitud de \u00a0 reconocimiento es imprescriptible \u00a0 \u00a0 ACCION DE TUTELA CONTRA PROVIDENCIAS JUDICIALES-Requisitos generales y especiales de procedibilidad \u00a0 \u00a0 PRECEDENTE JUDICIAL-Definici\u00f3n \u00a0 \u00a0 El precedente ha sido entendido, por regla general, como las \u00a0 razones de derecho con base en las cuales un juez resuelve un caso concreto y es \u00a0 vinculante por diferentes razones que la\u00a0 jurisprudencia ha atinado a \u00a0 ...<br \/><div class=\"pt-cv-rmwrap\"><a href=\"https:\/\/www.dmsjuridica.com\/buscador_20179478954\/corteconstitucionalcronologico202454587\/t-433-18\/\" class=\"_self pt-cv-readmore btn btn-success\" target=\"_self\">Ver Sentencia Completa...<\/a><\/div><\/div><\/div><\/div>\n<div class=\"col-md-12 col-sm-12 col-xs-12 pt-cv-content-item pt-cv-1-col\" ><div class='pt-cv-ifield'><a href=\"https:\/\/www.dmsjuridica.com\/buscador_20179478954\/corteconstitucionalcronologico202454587\/t-432-18\/\" class=\"_self pt-cv-href-thumbnail pt-cv-thumb-default\" target=\"_self\" ><\/a>\n<div class=\"pt-cv-taxoterm above_title\"><a href='https:\/\/www.dmsjuridica.com\/buscador_20179478954\/corteconstitucionalcronologico202454587\/category\/buscar-en-toda-la-corte\/2018\/tutelas-2018\/' title='Tutelas 2018' class='pt-cv-tax-tutelas-2018'>Tutelas 2018<\/a><\/div>\n<h4 class=\"pt-cv-title\"><a href=\"https:\/\/www.dmsjuridica.com\/buscador_20179478954\/corteconstitucionalcronologico202454587\/t-432-18\/\" class=\"_self\" target=\"_self\" >T-432-18<\/a><\/h4>\n<div class=\"pt-cv-content\">\u00a0 \u00a0 \u00a0 \u00a0 \u00a0T-432-18 \u00a0 \u00a0 \u00a0 \u00a0 \u00a0 \u00a0\u00a0 Sentencia T-432\/18 \u00a0 \u00a0 ACCION DE TUTELA CONTRA PROVIDENCIAS \u00a0 JUDICIALES-Requisitos \u00a0 generales y especiales de procedibilidad \u00a0 \u00a0 PRINCIPIO DE INMEDIATEZ COMO REQUISITO DE PROCEDIBILIDAD DE LA ACCION \u00a0 DE TUTELA-Debe ponderarse bajo el criterio del plazo razonable y oportuno \u00a0 \u00a0 Esta Corporaci\u00f3n ha considerado \u201cun plazo de seis \u00a0 (6) meses podr\u00eda resultar suficiente para declarar la tutela improcedente y en \u00a0 otros eventos, un t\u00e9rmino de dos (2) a\u00f1os se podr\u00eda considerar razonable para \u00a0 ejercer la acci\u00f3n de tutela \u00a0 \u00a0 CARACTERIZACION DEL DEFECTO ...<br \/><div class=\"pt-cv-rmwrap\"><a href=\"https:\/\/www.dmsjuridica.com\/buscador_20179478954\/corteconstitucionalcronologico202454587\/t-432-18\/\" class=\"_self pt-cv-readmore btn btn-success\" target=\"_self\">Ver Sentencia Completa...<\/a><\/div><\/div><\/div><\/div>\n<div class=\"col-md-12 col-sm-12 col-xs-12 pt-cv-content-item pt-cv-1-col\" ><div class='pt-cv-ifield'><a href=\"https:\/\/www.dmsjuridica.com\/buscador_20179478954\/corteconstitucionalcronologico202454587\/t-431-18\/\" class=\"_self pt-cv-href-thumbnail pt-cv-thumb-default\" target=\"_self\" ><\/a>\n<div class=\"pt-cv-taxoterm above_title\"><a href='https:\/\/www.dmsjuridica.com\/buscador_20179478954\/corteconstitucionalcronologico202454587\/category\/buscar-en-toda-la-corte\/2018\/tutelas-2018\/' title='Tutelas 2018' class='pt-cv-tax-tutelas-2018'>Tutelas 2018<\/a><\/div>\n<h4 class=\"pt-cv-title\"><a href=\"https:\/\/www.dmsjuridica.com\/buscador_20179478954\/corteconstitucionalcronologico202454587\/t-431-18\/\" class=\"_self\" target=\"_self\" >T-431-18<\/a><\/h4>\n<div class=\"pt-cv-content\">\u00a0 \u00a0 \u00a0 \u00a0 \u00a0T-431-18 \u00a0 \u00a0 \u00a0 \u00a0 \u00a0 \u00a0\u00a0 Sentencia T-431\/18 \u00a0 \u00a0 DEBIDO PROCESO EN ACTUACIONES DISCIPLINARIAS EN \u00a0 INSTITUCIONES EDUCATIVAS-Caso en donde se reubica en otra instituci\u00f3n \u00a0 educativa a una estudiante, luego de que \u00e9sta fuera v\u00edctima de una agresi\u00f3n \u00a0 f\u00edsica \u00a0 \u00a0 DEBIDO PROCESO EN \u00a0 ACTUACIONES DISCIPLINARIAS EN INSTITUCIONES EDUCATIVAS-Reiteraci\u00f3n de \u00a0 jurisprudencia \u00a0 \u00a0 La sanci\u00f3n de cuestiones disciplinarias de \u00edndole \u00a0 acad\u00e9mico no puede inobservar el debido proceso, y, consigo, los presupuestos de \u00a0 legalidad, presunci\u00f3n de inocencia, contradicci\u00f3n, defensa. As\u00ed mismo se ha \u00a0 resaltado la importancia de que ...<br \/><div class=\"pt-cv-rmwrap\"><a href=\"https:\/\/www.dmsjuridica.com\/buscador_20179478954\/corteconstitucionalcronologico202454587\/t-431-18\/\" class=\"_self pt-cv-readmore btn btn-success\" target=\"_self\">Ver Sentencia Completa...<\/a><\/div><\/div><\/div><\/div>\n<div class=\"col-md-12 col-sm-12 col-xs-12 pt-cv-content-item pt-cv-1-col\" ><div class='pt-cv-ifield'><a href=\"https:\/\/www.dmsjuridica.com\/buscador_20179478954\/corteconstitucionalcronologico202454587\/t-430-18\/\" class=\"_self pt-cv-href-thumbnail pt-cv-thumb-default\" target=\"_self\" ><\/a>\n<div class=\"pt-cv-taxoterm above_title\"><a href='https:\/\/www.dmsjuridica.com\/buscador_20179478954\/corteconstitucionalcronologico202454587\/category\/buscar-en-toda-la-corte\/2018\/tutelas-2018\/' title='Tutelas 2018' class='pt-cv-tax-tutelas-2018'>Tutelas 2018<\/a><\/div>\n<h4 class=\"pt-cv-title\"><a href=\"https:\/\/www.dmsjuridica.com\/buscador_20179478954\/corteconstitucionalcronologico202454587\/t-430-18\/\" class=\"_self\" target=\"_self\" >T-430-18<\/a><\/h4>\n<div class=\"pt-cv-content\">\u00a0 \u00a0 \u00a0 \u00a0 \u00a0T-430-18 \u00a0 \u00a0 \u00a0 \u00a0 \u00a0 \u00a0\u00a0 Sentencia T-430\/18 \u00a0 \u00a0 ACCION \u00a0 DE TUTELA CONTRA PROVIDENCIAS JUDICIALES-Requisitos generales y \u00a0 especiales de procedibilidad \u00a0 \u00a0 ACCION DE TUTELA \u00a0 CONTRA PROVIDENCIAS JUDICIALES-Improcedencia para revivir t\u00e9rminos y etapas procesales en donde se \u00a0 dejaron de emplear los recursos previstos en el ordenamiento jur\u00eddico \u00a0 \u00a0 Esta sala debe \u00a0 reiterar que la acci\u00f3n de tutela \u201cno es un mecanismo establecido para reabrir \u00a0 asuntos concluidos en la jurisdicci\u00f3n ordinaria o contenciosa administrativa; \u00a0 revivir t\u00e9rminos procesales; o, compensar el desinter\u00e9s de quienes no acudieron, \u00a0 en ...<br \/><div class=\"pt-cv-rmwrap\"><a href=\"https:\/\/www.dmsjuridica.com\/buscador_20179478954\/corteconstitucionalcronologico202454587\/t-430-18\/\" class=\"_self pt-cv-readmore btn btn-success\" target=\"_self\">Ver Sentencia Completa...<\/a><\/div><\/div><\/div><\/div>\n<div class=\"col-md-12 col-sm-12 col-xs-12 pt-cv-content-item pt-cv-1-col\" ><div class='pt-cv-ifield'><a href=\"https:\/\/www.dmsjuridica.com\/buscador_20179478954\/corteconstitucionalcronologico202454587\/t-429-18\/\" class=\"_self pt-cv-href-thumbnail pt-cv-thumb-default\" target=\"_self\" ><\/a>\n<div class=\"pt-cv-taxoterm above_title\"><a href='https:\/\/www.dmsjuridica.com\/buscador_20179478954\/corteconstitucionalcronologico202454587\/category\/buscar-en-toda-la-corte\/2018\/tutelas-2018\/' title='Tutelas 2018' class='pt-cv-tax-tutelas-2018'>Tutelas 2018<\/a><\/div>\n<h4 class=\"pt-cv-title\"><a href=\"https:\/\/www.dmsjuridica.com\/buscador_20179478954\/corteconstitucionalcronologico202454587\/t-429-18\/\" class=\"_self\" target=\"_self\" >T-429-18<\/a><\/h4>\n<div class=\"pt-cv-content\">\u00a0 \u00a0 \u00a0 \u00a0 \u00a0T-429-18 \u00a0 \u00a0 \u00a0 \u00a0 \u00a0 \u00a0\u00a0 Sentencia T-429\/18 \u00a0 \u00a0 PRINCIPIO DE LA CONDICION MAS BENEFICIOSA EN MATERIA PENSIONAL-Caso en donde a la accionante se le niega el reconocimiento de la pensi\u00f3n \u00a0 de sobreviviente como consecuencia del fallecimiento de su c\u00f3nyuge por no contar \u00a0 con la cotizaci\u00f3n de semanas requeridas \u00a0 \u00a0 PENSION DE SOBREVIVIENTES Y REQUISITO DE SUBSIDIARIEDAD-Test de procedencia \u00a0 \u00a0 DEBER LEGAL DE APROVISIONAMIENTO-Jurisprudencia constitucional \u00a0 \u00a0 La Corte Constitucional ha precisado que la \u00a0 interpretaci\u00f3n m\u00e1s favorable para la protecci\u00f3n del derecho a la seguridad \u00a0 social en pensiones ...<br \/><div class=\"pt-cv-rmwrap\"><a href=\"https:\/\/www.dmsjuridica.com\/buscador_20179478954\/corteconstitucionalcronologico202454587\/t-429-18\/\" class=\"_self pt-cv-readmore btn btn-success\" target=\"_self\">Ver Sentencia Completa...<\/a><\/div><\/div><\/div><\/div>\n<div class=\"col-md-12 col-sm-12 col-xs-12 pt-cv-content-item pt-cv-1-col\" ><div class='pt-cv-ifield'><a href=\"https:\/\/www.dmsjuridica.com\/buscador_20179478954\/corteconstitucionalcronologico202454587\/t-428-18\/\" class=\"_self pt-cv-href-thumbnail pt-cv-thumb-default\" target=\"_self\" ><\/a>\n<div class=\"pt-cv-taxoterm above_title\"><a href='https:\/\/www.dmsjuridica.com\/buscador_20179478954\/corteconstitucionalcronologico202454587\/category\/buscar-en-toda-la-corte\/2018\/tutelas-2018\/' title='Tutelas 2018' class='pt-cv-tax-tutelas-2018'>Tutelas 2018<\/a><\/div>\n<h4 class=\"pt-cv-title\"><a href=\"https:\/\/www.dmsjuridica.com\/buscador_20179478954\/corteconstitucionalcronologico202454587\/t-428-18\/\" class=\"_self\" target=\"_self\" >T-428-18<\/a><\/h4>\n<div class=\"pt-cv-content\">\u00a0 \u00a0 \u00a0 \u00a0 \u00a0T-428-18 \u00a0 \u00a0 \u00a0 \u00a0 \u00a0 \u00a0\u00a0 Sentencia T-428\/18 \u00a0 \u00a0\u00a0 LEGITIMACION DE INTEGRANTES DE LA FAMILIA EXTENSA PARA SOLICITAR REGULACION DE \u00a0 VISITAS-Caso donde abuelos solicitan regulaci\u00f3n de visitas a nietos \u00a0 \u00a0 ACCION DE TUTELA CONTRA PROVIDENCIAS JUDICIALES-Requisitos \u00a0 generales y especiales de procedibilidad \u00a0 \u00a0 CARACTERIZACION DEL DEFECTO MATERIAL O SUSTANTIVO COMO CAUSAL DE PROCEDIBILIDAD \u00a0 DE LA ACCION DE TUTELA CONTRA PROVIDENCIAS JUDICIALES-Reiteraci\u00f3n de \u00a0 jurisprudencia \u00a0 \u00a0 INTEGRANTES DE LA FAMILIA EXTENSA ESTAN LEGITIMADOS PARA SOLICITAR REGULACION DE \u00a0 VISITAS-Aplicaci\u00f3n de normas de rango constitucional y convencional para la \u00a0 protecci\u00f3n ...<br \/><div class=\"pt-cv-rmwrap\"><a href=\"https:\/\/www.dmsjuridica.com\/buscador_20179478954\/corteconstitucionalcronologico202454587\/t-428-18\/\" class=\"_self pt-cv-readmore btn btn-success\" target=\"_self\">Ver Sentencia Completa...<\/a><\/div><\/div><\/div><\/div>\n<div class=\"col-md-12 col-sm-12 col-xs-12 pt-cv-content-item pt-cv-1-col\" ><div class='pt-cv-ifield'><a href=\"https:\/\/www.dmsjuridica.com\/buscador_20179478954\/corteconstitucionalcronologico202454587\/t-427-18\/\" class=\"_self pt-cv-href-thumbnail pt-cv-thumb-default\" target=\"_self\" ><\/a>\n<div class=\"pt-cv-taxoterm above_title\"><a href='https:\/\/www.dmsjuridica.com\/buscador_20179478954\/corteconstitucionalcronologico202454587\/category\/buscar-en-toda-la-corte\/2018\/tutelas-2018\/' title='Tutelas 2018' class='pt-cv-tax-tutelas-2018'>Tutelas 2018<\/a><\/div>\n<h4 class=\"pt-cv-title\"><a href=\"https:\/\/www.dmsjuridica.com\/buscador_20179478954\/corteconstitucionalcronologico202454587\/t-427-18\/\" class=\"_self\" target=\"_self\" >T-427-18<\/a><\/h4>\n<div class=\"pt-cv-content\">\u00a0 \u00a0 \u00a0 \u00a0 \u00a0T-427-18 \u00a0 \u00a0 \u00a0 \u00a0 \u00a0 \u00a0\u00a0 Sentencia T-427\/18 \u00a0 \u00a0 ACCION DE TUTELA \u00a0 PARA SOLICITAR CALIFICACION DE PERDIDA DE CAPACIDAD LABORAL-Caso en que Fondo se niega a realizar un proceso de calificaci\u00f3n, cuyo \u00a0 dictamen se requiere para tramitar reconocimiento de pensi\u00f3n de invalidez \u00a0 \u00a0 DERECHO A LA SEGURIDAD SOCIAL-Procedencia \u00a0 excepcional de tutela \u00a0 \u00a0 ESTRUCTURACION DE INVALIDEZ-Intimamente ligada a las \u00a0 circunstancias del trabajo desempe\u00f1ado y condiciones de salud f\u00edsica y mental \u00a0 que impidieron seguir laborando \u00a0 \u00a0 La \u00a0 misma jurisprudencia ha precisado que \u201cun elemento definidor del estado ...<br \/><div class=\"pt-cv-rmwrap\"><a href=\"https:\/\/www.dmsjuridica.com\/buscador_20179478954\/corteconstitucionalcronologico202454587\/t-427-18\/\" class=\"_self pt-cv-readmore btn btn-success\" target=\"_self\">Ver Sentencia Completa...<\/a><\/div><\/div><\/div><\/div>\n<div class=\"col-md-12 col-sm-12 col-xs-12 pt-cv-content-item pt-cv-1-col\" ><div class='pt-cv-ifield'><a href=\"https:\/\/www.dmsjuridica.com\/buscador_20179478954\/corteconstitucionalcronologico202454587\/t-426-18\/\" class=\"_self pt-cv-href-thumbnail pt-cv-thumb-default\" target=\"_self\" ><\/a>\n<div class=\"pt-cv-taxoterm above_title\"><a href='https:\/\/www.dmsjuridica.com\/buscador_20179478954\/corteconstitucionalcronologico202454587\/category\/buscar-en-toda-la-corte\/2018\/tutelas-2018\/' title='Tutelas 2018' class='pt-cv-tax-tutelas-2018'>Tutelas 2018<\/a><\/div>\n<h4 class=\"pt-cv-title\"><a href=\"https:\/\/www.dmsjuridica.com\/buscador_20179478954\/corteconstitucionalcronologico202454587\/t-426-18\/\" class=\"_self\" target=\"_self\" >T-426-18<\/a><\/h4>\n<div class=\"pt-cv-content\">\u00a0 \u00a0 \u00a0 \u00a0 \u00a0T-426-18 \u00a0 \u00a0 \u00a0 \u00a0 \u00a0 \u00a0\u00a0 Sentencia T-426\/18 \u00a0 \u00a0 DERECHO \u00a0 AL MINIMO VITAL, DEBIDO PROCESO Y SEGURIDAD SOCIAL-Inclusi\u00f3n en \u00a0 n\u00f3mina de pensionados \u00a0 \u00a0 ACCION \u00a0 DE TUTELA PARA RECLAMAR EL RECONOCIMIENTO Y PAGO DE DERECHOS PENSIONALES-Procedencia excepcional \u00a0 \u00a0 Algunos supuesto \u00a0 indicativos de la procedencia excepcional del mecanismo de amparo constitucional \u00a0 son: \u201c(i) el estado de salud del solicitante;(ii) el tiempo que la autoridad \u00a0 pensional\u00a0 demoro en desatar el procedimiento administrativo;(iii) la edad \u00a0 del peticionario;(iv) la composici\u00f3n del n\u00facleo\u00a0 familiar del mismo, por \u00a0 ejemplo el n\u00famero ...<br \/><div class=\"pt-cv-rmwrap\"><a href=\"https:\/\/www.dmsjuridica.com\/buscador_20179478954\/corteconstitucionalcronologico202454587\/t-426-18\/\" class=\"_self pt-cv-readmore btn btn-success\" target=\"_self\">Ver Sentencia Completa...<\/a><\/div><\/div><\/div><\/div>\n<div class=\"col-md-12 col-sm-12 col-xs-12 pt-cv-content-item pt-cv-1-col\" ><div class='pt-cv-ifield'><a href=\"https:\/\/www.dmsjuridica.com\/buscador_20179478954\/corteconstitucionalcronologico202454587\/t-425-18\/\" class=\"_self pt-cv-href-thumbnail pt-cv-thumb-default\" target=\"_self\" ><\/a>\n<div class=\"pt-cv-taxoterm above_title\"><a href='https:\/\/www.dmsjuridica.com\/buscador_20179478954\/corteconstitucionalcronologico202454587\/category\/buscar-en-toda-la-corte\/2018\/tutelas-2018\/' title='Tutelas 2018' class='pt-cv-tax-tutelas-2018'>Tutelas 2018<\/a><\/div>\n<h4 class=\"pt-cv-title\"><a href=\"https:\/\/www.dmsjuridica.com\/buscador_20179478954\/corteconstitucionalcronologico202454587\/t-425-18\/\" class=\"_self\" target=\"_self\" >T-425-18<\/a><\/h4>\n<div class=\"pt-cv-content\">Sentencia T-425\/18 \u00a0 \u00a0 DERECHOS DE LOS NI\u00d1OS Y NI\u00d1AS \u00a0 CON DISCAPACIDAD-Vulneraci\u00f3n por ICBF al desvincular a menores del programa hogar \u00a0 gestor sin demostrar la superaci\u00f3n de las condiciones de vulnerabilidad \u00a0 \u00a0 ACCION \u00a0 DE TUTELA Y REQUISITO DE SUBSIDIARIEDAD-Flexibilidad en caso de sujetos de especial \u00a0 protecci\u00f3n constitucional \u00a0 \u00a0 Esta Corporaci\u00f3n ha indicado que \u201ccuando la solicitud de amparo es \u00a0 promovida por personas que requieren especial protecci\u00f3n constitucional, como \u00a0 ni\u00f1os, ni\u00f1as y adolescentes, mujeres en estado de gestaci\u00f3n o de lactancia, \u00a0 madres cabeza de familia, personas en situaci\u00f3n de discapacidad, de la ...<br \/><div class=\"pt-cv-rmwrap\"><a href=\"https:\/\/www.dmsjuridica.com\/buscador_20179478954\/corteconstitucionalcronologico202454587\/t-425-18\/\" class=\"_self pt-cv-readmore btn btn-success\" target=\"_self\">Ver Sentencia Completa...<\/a><\/div><\/div><\/div><\/div>\n<div class=\"col-md-12 col-sm-12 col-xs-12 pt-cv-content-item pt-cv-1-col\" ><div class='pt-cv-ifield'><a href=\"https:\/\/www.dmsjuridica.com\/buscador_20179478954\/corteconstitucionalcronologico202454587\/t-424-18\/\" class=\"_self pt-cv-href-thumbnail pt-cv-thumb-default\" target=\"_self\" ><\/a>\n<div class=\"pt-cv-taxoterm above_title\"><a href='https:\/\/www.dmsjuridica.com\/buscador_20179478954\/corteconstitucionalcronologico202454587\/category\/buscar-en-toda-la-corte\/2018\/tutelas-2018\/' title='Tutelas 2018' class='pt-cv-tax-tutelas-2018'>Tutelas 2018<\/a><\/div>\n<h4 class=\"pt-cv-title\"><a href=\"https:\/\/www.dmsjuridica.com\/buscador_20179478954\/corteconstitucionalcronologico202454587\/t-424-18\/\" class=\"_self\" target=\"_self\" >T-424-18<\/a><\/h4>\n<div class=\"pt-cv-content\">\u00a0 \u00a0 \u00a0 \u00a0 \u00a0T-424-18 \u00a0 \u00a0 \u00a0 \u00a0 \u00a0 \u00a0\u00a0 Sentencia T-424\/18 \u00a0 \u00a0 ACCION DE TUTELA PARA RECONOCIMIENTO DE PENSION DE \u00a0 SOBREVIVIENTES-Procedencia excepcional por tratarse de una \u00a0 persona de la tercera edad en estado de indefensi\u00f3n y por existencia de \u00a0 perjuicio irremediable \u00a0 \u00a0 AGENCIA OFICIOSA EN TUTELA-Se pueden \u00a0 agenciar derechos ajenos cuando el titular de los mismos no est\u00e9 en condiciones \u00a0 de promover su propia defensa\u00a0\u00a0 \u00a0 \u00a0 AGENCIA OFICIOSA EN TUTELA-Requisitos \u00a0 \u00a0 La jurisprudencia ha se\u00f1alado que para verificar la existencia \u00a0 de la agencia oficiosa se debe observar: \u201c(i) ...<br \/><div class=\"pt-cv-rmwrap\"><a href=\"https:\/\/www.dmsjuridica.com\/buscador_20179478954\/corteconstitucionalcronologico202454587\/t-424-18\/\" class=\"_self pt-cv-readmore btn btn-success\" target=\"_self\">Ver Sentencia Completa...<\/a><\/div><\/div><\/div><\/div>\n<div class=\"col-md-12 col-sm-12 col-xs-12 pt-cv-content-item pt-cv-1-col\" ><div class='pt-cv-ifield'><a href=\"https:\/\/www.dmsjuridica.com\/buscador_20179478954\/corteconstitucionalcronologico202454587\/t-423-18\/\" class=\"_self pt-cv-href-thumbnail pt-cv-thumb-default\" target=\"_self\" ><\/a>\n<div class=\"pt-cv-taxoterm above_title\"><a href='https:\/\/www.dmsjuridica.com\/buscador_20179478954\/corteconstitucionalcronologico202454587\/category\/buscar-en-toda-la-corte\/2018\/tutelas-2018\/' title='Tutelas 2018' class='pt-cv-tax-tutelas-2018'>Tutelas 2018<\/a><\/div>\n<h4 class=\"pt-cv-title\"><a href=\"https:\/\/www.dmsjuridica.com\/buscador_20179478954\/corteconstitucionalcronologico202454587\/t-423-18\/\" class=\"_self\" target=\"_self\" >T-423-18<\/a><\/h4>\n<div class=\"pt-cv-content\">\u00a0 \u00a0 \u00a0 \u00a0 \u00a0T-423-18 \u00a0 \u00a0 \u00a0 \u00a0 \u00a0 \u00a0\u00a0 Sentencia T-423\/18 \u00a0 \u00a0 ACCION DE TUTELA FRENTE A ACTOS ADMINISTRATIVOS EN MATERIA DE \u00a0 CONCURSO DE MERITOS-Procedencia excepcional \u00a0 \u00a0 DERECHO A EJERCER LA DOCENCIA EN EL SECTOR EDUCATIVO ESTATAL-Derechos adquiridos no reconocidos por cuanto el t\u00edtulo de bachiller \u00a0 pedag\u00f3gico del accionante no resulta apto para ingresar al servicio docente bajo \u00a0 el r\u00e9gimen del Decreto ley 1278 de 2002 \u00a0 \u00a0 PROFESION DOCENTE-Desarrollo normativo de \u00a0 los requisitos exigidos para su ejercicio \u00a0 \u00a0 BACHILLER PEDAGOGICO-Marco normativo del \u00a0 ejercicio de la actividad docente \u00a0 \u00a0 ...<br \/><div class=\"pt-cv-rmwrap\"><a href=\"https:\/\/www.dmsjuridica.com\/buscador_20179478954\/corteconstitucionalcronologico202454587\/t-423-18\/\" class=\"_self pt-cv-readmore btn btn-success\" target=\"_self\">Ver Sentencia Completa...<\/a><\/div><\/div><\/div><\/div>\n<div class=\"col-md-12 col-sm-12 col-xs-12 pt-cv-content-item pt-cv-1-col\" ><div class='pt-cv-ifield'><a href=\"https:\/\/www.dmsjuridica.com\/buscador_20179478954\/corteconstitucionalcronologico202454587\/t-422-18\/\" class=\"_self pt-cv-href-thumbnail pt-cv-thumb-default\" target=\"_self\" ><\/a>\n<div class=\"pt-cv-taxoterm above_title\"><a href='https:\/\/www.dmsjuridica.com\/buscador_20179478954\/corteconstitucionalcronologico202454587\/category\/buscar-en-toda-la-corte\/2018\/tutelas-2018\/' title='Tutelas 2018' class='pt-cv-tax-tutelas-2018'>Tutelas 2018<\/a><\/div>\n<h4 class=\"pt-cv-title\"><a href=\"https:\/\/www.dmsjuridica.com\/buscador_20179478954\/corteconstitucionalcronologico202454587\/t-422-18\/\" class=\"_self\" target=\"_self\" >T-422-18<\/a><\/h4>\n<div class=\"pt-cv-content\">\u00a0 \u00a0 \u00a0 \u00a0 \u00a0T-422-18 \u00a0 \u00a0 \u00a0 \u00a0 \u00a0 \u00a0\u00a0 Sentencia T-422\/18 \u00a0 \u00a0\u00a0 ACCION DE TUTELA CONTRA PROVIDENCIAS JUDICIALES-Requisitos \u00a0 generales y especiales de procedibilidad \u00a0 \u00a0 ACCION DE TUTELA CONTRA PROVIDENCIAS JUDICIALES-Relevancia \u00a0 constitucional como requisito de procedibilidad \u00a0 \u00a0 RELEVANCIA CONSTITUCIONAL-Finalidad \u00a0 \u00a0 (i) Preservar la competencia y la independencia de los jueces \u00a0 de las jurisdicciones diferentes a la constitucional y, por tanto, evitar que la \u00a0 acci\u00f3n de tutela se utilice para discutir asuntos de mera legalidad; (ii) \u00a0 restringir el ejercicio de la acci\u00f3n de tutela a cuestiones de relevancia \u00a0 constitucional que ...<br \/><div class=\"pt-cv-rmwrap\"><a href=\"https:\/\/www.dmsjuridica.com\/buscador_20179478954\/corteconstitucionalcronologico202454587\/t-422-18\/\" class=\"_self pt-cv-readmore btn btn-success\" target=\"_self\">Ver Sentencia Completa...<\/a><\/div><\/div><\/div><\/div>\n<div class=\"col-md-12 col-sm-12 col-xs-12 pt-cv-content-item pt-cv-1-col\" ><div class='pt-cv-ifield'><a href=\"https:\/\/www.dmsjuridica.com\/buscador_20179478954\/corteconstitucionalcronologico202454587\/t-421-18\/\" class=\"_self pt-cv-href-thumbnail pt-cv-thumb-default\" target=\"_self\" ><\/a>\n<div class=\"pt-cv-taxoterm above_title\"><a href='https:\/\/www.dmsjuridica.com\/buscador_20179478954\/corteconstitucionalcronologico202454587\/category\/buscar-en-toda-la-corte\/2018\/tutelas-2018\/' title='Tutelas 2018' class='pt-cv-tax-tutelas-2018'>Tutelas 2018<\/a><\/div>\n<h4 class=\"pt-cv-title\"><a href=\"https:\/\/www.dmsjuridica.com\/buscador_20179478954\/corteconstitucionalcronologico202454587\/t-421-18\/\" class=\"_self\" target=\"_self\" >T-421-18<\/a><\/h4>\n<div class=\"pt-cv-content\">\u00a0 \u00a0 \u00a0 \u00a0 \u00a0T-421-18 \u00a0 \u00a0 \u00a0 \u00a0 \u00a0 \u00a0\u00a0 Sentencia T-421\/18 \u00a0 \u00a0 DERECHO DE ACCESO AL EJERCICIO DE ADMINISTRAR JUSTICIA-Accionante considera vulnerado \u00a0 derecho de administrar justicia, al imped\u00edrsele ejercer su labor como Juez de \u00a0 Paz, despoj\u00e1ndolo de la oficina y equipos de c\u00f3mputo que ten\u00eda asignados en Casa \u00a0 de Justicia \u00a0 \u00a0 ACCION DE CUMPLIMIENTO-Improcedencia respecto de normas que establecen gastos\/ACCION DE \u00a0 CUMPLIMIENTO-Reiteraci\u00f3n de sentencia C-157 de 1998 \u00a0 \u00a0 La acci\u00f3n de cumplimiento ser\u00eda \u00a0 improcedente porque la pretensi\u00f3n del accionante (espacio e insumos) est\u00e1 \u00a0 relacionada con la inclusi\u00f3n en el ...<br \/><div class=\"pt-cv-rmwrap\"><a href=\"https:\/\/www.dmsjuridica.com\/buscador_20179478954\/corteconstitucionalcronologico202454587\/t-421-18\/\" class=\"_self pt-cv-readmore btn btn-success\" target=\"_self\">Ver Sentencia Completa...<\/a><\/div><\/div><\/div><\/div>\n<div class=\"col-md-12 col-sm-12 col-xs-12 pt-cv-content-item pt-cv-1-col\" ><div class='pt-cv-ifield'><a href=\"https:\/\/www.dmsjuridica.com\/buscador_20179478954\/corteconstitucionalcronologico202454587\/t-420-18\/\" class=\"_self pt-cv-href-thumbnail pt-cv-thumb-default\" target=\"_self\" ><\/a>\n<div class=\"pt-cv-taxoterm above_title\"><a href='https:\/\/www.dmsjuridica.com\/buscador_20179478954\/corteconstitucionalcronologico202454587\/category\/buscar-en-toda-la-corte\/2018\/tutelas-2018\/' title='Tutelas 2018' class='pt-cv-tax-tutelas-2018'>Tutelas 2018<\/a><\/div>\n<h4 class=\"pt-cv-title\"><a href=\"https:\/\/www.dmsjuridica.com\/buscador_20179478954\/corteconstitucionalcronologico202454587\/t-420-18\/\" class=\"_self\" target=\"_self\" >T-420-18<\/a><\/h4>\n<div class=\"pt-cv-content\">\u00a0 \u00a0 \u00a0 \u00a0 \u00a0T-420-18 \u00a0 \u00a0 \u00a0 \u00a0 \u00a0 \u00a0\u00a0 Sentencia T-420\/18 \u00a0 \u00a0 DERECHO A LA VIVIENDA DIGNA-Vulneraci\u00f3n por cuanto se afecta en su componente de habitabilidad \u00a0 al encontrarse en riesgo vivienda del accionante \u00a0 \u00a0 ACCION DE TUTELA PARA LA PROTECCION DEL DERECHO A LA VIVIENDA \u00a0 DIGNA-Procedencia \u00a0 \u00a0 La Corte constitucional ha analizado la naturaleza \u00a0 jur\u00eddica de esta garant\u00eda y ha determinado que se trata de un derecho \u00a0 fundamental aut\u00f3nomo, que su protecci\u00f3n a trav\u00e9s de la tutela se encuentra \u00a0 condicionada a la posibilidad de que este se traduzca en un ...<br \/><div class=\"pt-cv-rmwrap\"><a href=\"https:\/\/www.dmsjuridica.com\/buscador_20179478954\/corteconstitucionalcronologico202454587\/t-420-18\/\" class=\"_self pt-cv-readmore btn btn-success\" target=\"_self\">Ver Sentencia Completa...<\/a><\/div><\/div><\/div><\/div>\n<div class=\"col-md-12 col-sm-12 col-xs-12 pt-cv-content-item pt-cv-1-col\" ><div class='pt-cv-ifield'><a href=\"https:\/\/www.dmsjuridica.com\/buscador_20179478954\/corteconstitucionalcronologico202454587\/t-419-18\/\" class=\"_self pt-cv-href-thumbnail pt-cv-thumb-default\" target=\"_self\" ><\/a>\n<div class=\"pt-cv-taxoterm above_title\"><a href='https:\/\/www.dmsjuridica.com\/buscador_20179478954\/corteconstitucionalcronologico202454587\/category\/buscar-en-toda-la-corte\/2018\/tutelas-2018\/' title='Tutelas 2018' class='pt-cv-tax-tutelas-2018'>Tutelas 2018<\/a><\/div>\n<h4 class=\"pt-cv-title\"><a href=\"https:\/\/www.dmsjuridica.com\/buscador_20179478954\/corteconstitucionalcronologico202454587\/t-419-18\/\" class=\"_self\" target=\"_self\" >T-419-18<\/a><\/h4>\n<div class=\"pt-cv-content\">\u00a0 \u00a0 \u00a0 \u00a0 \u00a0T-419-18 \u00a0 \u00a0 \u00a0 \u00a0 \u00a0 \u00a0\u00a0 Sentencia T-419\/18 \u00a0 \u00a0 CARENCIA ACTUAL DE OBJETO-Fen\u00f3meno que \u00a0 puede presentarse a partir de dos eventos que a su vez sugieren consecuencias \u00a0 distintas: hecho superado y da\u00f1o consumado \u00a0 \u00a0 La carencia \u00a0 actual de objeto corresponde a una figura jur\u00eddica de tipo procesal, en virtud \u00a0 de la cual el juez constitucional, ante la noticia de que ello ha ocurrido de \u00a0 manera previa a la adopci\u00f3n del fallo correspondiente, se halla abocado a \u00a0 verificar si f\u00e1cticamente la salvaguarda invocada se encuentra superada, lo cual ...<br \/><div class=\"pt-cv-rmwrap\"><a href=\"https:\/\/www.dmsjuridica.com\/buscador_20179478954\/corteconstitucionalcronologico202454587\/t-419-18\/\" class=\"_self pt-cv-readmore btn btn-success\" target=\"_self\">Ver Sentencia Completa...<\/a><\/div><\/div><\/div><\/div>\n<div class=\"col-md-12 col-sm-12 col-xs-12 pt-cv-content-item pt-cv-1-col\" ><div class='pt-cv-ifield'><a href=\"https:\/\/www.dmsjuridica.com\/buscador_20179478954\/corteconstitucionalcronologico202454587\/t-418-18\/\" class=\"_self pt-cv-href-thumbnail pt-cv-thumb-default\" target=\"_self\" ><\/a>\n<div class=\"pt-cv-taxoterm above_title\"><a href='https:\/\/www.dmsjuridica.com\/buscador_20179478954\/corteconstitucionalcronologico202454587\/category\/buscar-en-toda-la-corte\/2018\/tutelas-2018\/' title='Tutelas 2018' class='pt-cv-tax-tutelas-2018'>Tutelas 2018<\/a><\/div>\n<h4 class=\"pt-cv-title\"><a href=\"https:\/\/www.dmsjuridica.com\/buscador_20179478954\/corteconstitucionalcronologico202454587\/t-418-18\/\" class=\"_self\" target=\"_self\" >T-418-18<\/a><\/h4>\n<div class=\"pt-cv-content\">\u00a0 \u00a0 \u00a0 \u00a0 \u00a0T-418-18 \u00a0 \u00a0 \u00a0 \u00a0 \u00a0 \u00a0\u00a0 \u00a0Sentencia T-418\/18 \u00a0 \u00a0 DERECHO AL DEBIDO PROCESO ADMINISTRATIVO-Caso en que soldado fue retirado del servicio bajo la causal de \u00a0 ausencia injustificada por m\u00e1s de diez d\u00edas \u00a0 \u00a0 DEBIDO PROCESO ADMINISTRATIVO-Garant\u00edas m\u00ednimas del derecho \u00a0 de contradicci\u00f3n en el que se dispuso retiro del servicio de soldado por \u00a0 ausencia injustificada \u00a0 \u00a0 La \u00a0 jurisprudencia constitucional ha dicho que, como parte del debido proceso \u00a0 administrativo, a las personas se les debe garantizar el derecho de \u00a0 contradicci\u00f3n, del que se desprenden tres garant\u00edas m\u00ednimas en ...<br \/><div class=\"pt-cv-rmwrap\"><a href=\"https:\/\/www.dmsjuridica.com\/buscador_20179478954\/corteconstitucionalcronologico202454587\/t-418-18\/\" class=\"_self pt-cv-readmore btn btn-success\" target=\"_self\">Ver Sentencia Completa...<\/a><\/div><\/div><\/div><\/div>\n<div class=\"col-md-12 col-sm-12 col-xs-12 pt-cv-content-item pt-cv-1-col\" ><div class='pt-cv-ifield'><a href=\"https:\/\/www.dmsjuridica.com\/buscador_20179478954\/corteconstitucionalcronologico202454587\/t-417-18\/\" class=\"_self pt-cv-href-thumbnail pt-cv-thumb-default\" target=\"_self\" ><\/a>\n<div class=\"pt-cv-taxoterm above_title\"><a href='https:\/\/www.dmsjuridica.com\/buscador_20179478954\/corteconstitucionalcronologico202454587\/category\/buscar-en-toda-la-corte\/2018\/tutelas-2018\/' title='Tutelas 2018' class='pt-cv-tax-tutelas-2018'>Tutelas 2018<\/a><\/div>\n<h4 class=\"pt-cv-title\"><a href=\"https:\/\/www.dmsjuridica.com\/buscador_20179478954\/corteconstitucionalcronologico202454587\/t-417-18\/\" class=\"_self\" target=\"_self\" >T-417-18<\/a><\/h4>\n<div class=\"pt-cv-content\">\u00a0 \u00a0 \u00a0 \u00a0 \u00a0T-417-18 \u00a0 \u00a0 \u00a0 \u00a0 \u00a0 \u00a0\u00a0 Sentencia T-417\/18 \u00a0 \u00a0 RECLUSION \u00a0 EN ESTABLECIMIENTO ESPECIAL PARA EX MIEMBRO DE LA FUERZA PUBLICA-Finalidad \u00a0 \u00a0 RECLUSION EN \u00a0 ESTABLECIMIENTO ESPECIAL PARA EX MIEMBRO DE LA FUERZA PUBLICA-Autoridades penitenciarias tienen el deber de proteger \u00a0 la vida e integridad f\u00edsica de las personas privadas de la libertad \u00a0 \u00a0 DERECHO \u00a0 FUNDAMENTAL A LA VIDA E INTEGRIDAD FISICA DE EX MIEMBRO DE LA FUERZA PUBLICA-Vulneraci\u00f3n \u00a0 por autoridad penitenciaria al negar traslado a un establecimiento de reclusi\u00f3n \u00a0 especial, bajo el argumentando que los delitos por \u00e9l ...<br \/><div class=\"pt-cv-rmwrap\"><a href=\"https:\/\/www.dmsjuridica.com\/buscador_20179478954\/corteconstitucionalcronologico202454587\/t-417-18\/\" class=\"_self pt-cv-readmore btn btn-success\" target=\"_self\">Ver Sentencia Completa...<\/a><\/div><\/div><\/div><\/div>\n<div class=\"col-md-12 col-sm-12 col-xs-12 pt-cv-content-item pt-cv-1-col\" ><div class='pt-cv-ifield'><a href=\"https:\/\/www.dmsjuridica.com\/buscador_20179478954\/corteconstitucionalcronologico202454587\/t-416-18\/\" class=\"_self pt-cv-href-thumbnail pt-cv-thumb-default\" target=\"_self\" ><\/a>\n<div class=\"pt-cv-taxoterm above_title\"><a href='https:\/\/www.dmsjuridica.com\/buscador_20179478954\/corteconstitucionalcronologico202454587\/category\/buscar-en-toda-la-corte\/2018\/tutelas-2018\/' title='Tutelas 2018' class='pt-cv-tax-tutelas-2018'>Tutelas 2018<\/a><\/div>\n<h4 class=\"pt-cv-title\"><a href=\"https:\/\/www.dmsjuridica.com\/buscador_20179478954\/corteconstitucionalcronologico202454587\/t-416-18\/\" class=\"_self\" target=\"_self\" >T-416-18<\/a><\/h4>\n<div class=\"pt-cv-content\">\u00a0 \u00a0 \u00a0 \u00a0 \u00a0T-416-18 \u00a0 \u00a0 \u00a0 \u00a0 \u00a0 \u00a0\u00a0 Sentencia T-416\/18 \u00a0 \u00a0 ACCION DE TUTELA CONTRA PROVIDENCIAS JUDICIALES-Requisitos \u00a0 generales y especiales de procedibilidad \u00a0 \u00a0 CARACTERIZACION DEL DEFECTO PROCEDIMENTAL POR EXCESO RITUAL \u00a0 MANIFIESTO-Reiteraci\u00f3n de jurisprudencia \u00a0 \u00a0 DEFECTO SUSTANTIVO-Configuraci\u00f3n \u00a0 \u00a0 La Corte ha indicado que este defecto se presenta de diferentes \u00a0 maneras, como cuando:(i) la decisi\u00f3n judicial se basa en una norma que no es \u00a0 aplicable, porque a) no es pertinente, b) ha sido derogada y por tanto perdi\u00f3 \u00a0 vigencia, c) es inexistente, d) ha sido declarada contraria a la Constituci\u00f3n, ...<br \/><div class=\"pt-cv-rmwrap\"><a href=\"https:\/\/www.dmsjuridica.com\/buscador_20179478954\/corteconstitucionalcronologico202454587\/t-416-18\/\" class=\"_self pt-cv-readmore btn btn-success\" target=\"_self\">Ver Sentencia Completa...<\/a><\/div><\/div><\/div><\/div>\n<div class=\"col-md-12 col-sm-12 col-xs-12 pt-cv-content-item pt-cv-1-col\" ><div class='pt-cv-ifield'><a href=\"https:\/\/www.dmsjuridica.com\/buscador_20179478954\/corteconstitucionalcronologico202454587\/t-415-18\/\" class=\"_self pt-cv-href-thumbnail pt-cv-thumb-default\" target=\"_self\" ><\/a>\n<div class=\"pt-cv-taxoterm above_title\"><a href='https:\/\/www.dmsjuridica.com\/buscador_20179478954\/corteconstitucionalcronologico202454587\/category\/buscar-en-toda-la-corte\/2018\/tutelas-2018\/' title='Tutelas 2018' class='pt-cv-tax-tutelas-2018'>Tutelas 2018<\/a><\/div>\n<h4 class=\"pt-cv-title\"><a href=\"https:\/\/www.dmsjuridica.com\/buscador_20179478954\/corteconstitucionalcronologico202454587\/t-415-18\/\" class=\"_self\" target=\"_self\" >T-415-18<\/a><\/h4>\n<div class=\"pt-cv-content\">\u00a0 \u00a0 \u00a0 \u00a0 \u00a0T-415-18 \u00a0 \u00a0 \u00a0 \u00a0 \u00a0 \u00a0\u00a0 Sentencia T-415\/18 \u00a0 \u00a0 ACCION DE TUTELA COMO MECANISMO PREFERENTE PARA LA PROTECCION DE \u00a0 LOS DERECHOS DE LOS PUEBLOS INDIGENAS-Reiteraci\u00f3n de jurisprudencia \u00a0 \u00a0 ACCION DE TUTELA PARA PROTEGER LOS DERECHOS FUNDAMENTALES A LA \u00a0 SALUD, AL AGUA Y A LA ALIMENTACION DE LOS NI\u00d1OS Y NI\u00d1AS DEL PUEBLO WAYUU DEL \u00a0 DEPARTAMENTO DE LA GUAJIRA-Procedencia \u00a0 \u00a0 DERECHO AL AGUA POTABLE-Toda persona tiene derecho \u00a0 fundamental prima facie a disponer y acceder a cantidades suficientes, y de \u00a0 calidad, de agua apta para el consumo humano \u00a0 ...<br \/><div class=\"pt-cv-rmwrap\"><a href=\"https:\/\/www.dmsjuridica.com\/buscador_20179478954\/corteconstitucionalcronologico202454587\/t-415-18\/\" class=\"_self pt-cv-readmore btn btn-success\" target=\"_self\">Ver Sentencia Completa...<\/a><\/div><\/div><\/div><\/div>\n<div class=\"col-md-12 col-sm-12 col-xs-12 pt-cv-content-item pt-cv-1-col\" ><div class='pt-cv-ifield'><a href=\"https:\/\/www.dmsjuridica.com\/buscador_20179478954\/corteconstitucionalcronologico202454587\/t-414-18\/\" class=\"_self pt-cv-href-thumbnail pt-cv-thumb-default\" target=\"_self\" ><\/a>\n<div class=\"pt-cv-taxoterm above_title\"><a href='https:\/\/www.dmsjuridica.com\/buscador_20179478954\/corteconstitucionalcronologico202454587\/category\/buscar-en-toda-la-corte\/2018\/tutelas-2018\/' title='Tutelas 2018' class='pt-cv-tax-tutelas-2018'>Tutelas 2018<\/a><\/div>\n<h4 class=\"pt-cv-title\"><a href=\"https:\/\/www.dmsjuridica.com\/buscador_20179478954\/corteconstitucionalcronologico202454587\/t-414-18\/\" class=\"_self\" target=\"_self\" >T-414-18<\/a><\/h4>\n<div class=\"pt-cv-content\">\u00a0 \u00a0 \u00a0 \u00a0 \u00a0T-414-18 \u00a0 \u00a0 \u00a0 \u00a0 \u00a0 \u00a0\u00a0 Sentencia T-414\/18 \u00a0 \u00a0 ACCION DE TUTELA PARA RECLAMAR PRESTACIONES \u00a0 ECONOMICAS PENSIONALES-Reglas jurisprudenciales para la procedencia \u00a0 \u00a0 Los \u00a0 derechos pensionales, son susceptibles de protecci\u00f3n constitucional directa \u00a0 mediante la acci\u00f3n de tutela, cuando, no existen otros medios de defensa \u00a0 judicial o si existen y en trat\u00e1ndose de personas de la tercera edad, se halla \u00a0 demostrado el perjuicio irremediable. \u00c9ste se presentar\u00eda de no satisfacer las \u00a0 pretensiones leg\u00edtimas invocadas en la acci\u00f3n, el cual se deduce si se afecta el \u00a0 m\u00ednimo vital, pero ...<br \/><div class=\"pt-cv-rmwrap\"><a href=\"https:\/\/www.dmsjuridica.com\/buscador_20179478954\/corteconstitucionalcronologico202454587\/t-414-18\/\" class=\"_self pt-cv-readmore btn btn-success\" target=\"_self\">Ver Sentencia Completa...<\/a><\/div><\/div><\/div><\/div>\n<div class=\"col-md-12 col-sm-12 col-xs-12 pt-cv-content-item pt-cv-1-col\" ><div class='pt-cv-ifield'><a href=\"https:\/\/www.dmsjuridica.com\/buscador_20179478954\/corteconstitucionalcronologico202454587\/t-413-18\/\" class=\"_self pt-cv-href-thumbnail pt-cv-thumb-default\" target=\"_self\" ><\/a>\n<div class=\"pt-cv-taxoterm above_title\"><a href='https:\/\/www.dmsjuridica.com\/buscador_20179478954\/corteconstitucionalcronologico202454587\/category\/buscar-en-toda-la-corte\/2018\/tutelas-2018\/' title='Tutelas 2018' class='pt-cv-tax-tutelas-2018'>Tutelas 2018<\/a><\/div>\n<h4 class=\"pt-cv-title\"><a href=\"https:\/\/www.dmsjuridica.com\/buscador_20179478954\/corteconstitucionalcronologico202454587\/t-413-18\/\" class=\"_self\" target=\"_self\" >T-413-18<\/a><\/h4>\n<div class=\"pt-cv-content\">\u00a0 \u00a0 \u00a0 \u00a0 \u00a0T-413-18 \u00a0 \u00a0 \u00a0 \u00a0 \u00a0 \u00a0\u00a0 Sentencia T-413\/18 \u00a0 \u00a0 TERMINO DE PRESCRIPCION DE LA ACCION DE \u00a0 COBRO EN MATERIA TRIBUTARIA \u00a0 \u00a0 ACCION DE TUTELA CONTRA PROVIDENCIAS \u00a0 JUDICIALES-Improcedencia por no configurarse defecto \u00a0 sustantivo alegado por la sociedad accionante \u00a0 \u00a0 Referencia: \u00a0 Expediente T-6.649.723 \u00a0 \u00a0 Acci\u00f3n de tutela \u00a0 presentada por Concretos y Asfaltos S.A. contra el Consejo de Estado, Sala de lo \u00a0 Contencioso Administrativo \u2013Secci\u00f3n Cuarta\u2212. \u00a0 \u00a0 Magistrado \u00a0 Ponente: \u00a0 \u00a0 ALBERTO ROJAS R\u00cdOS \u00a0 \u00a0 Bogot\u00e1 D.C., ocho \u00a0(8) de octubre de dos mil dieciocho ...<br \/><div class=\"pt-cv-rmwrap\"><a href=\"https:\/\/www.dmsjuridica.com\/buscador_20179478954\/corteconstitucionalcronologico202454587\/t-413-18\/\" class=\"_self pt-cv-readmore btn btn-success\" target=\"_self\">Ver Sentencia Completa...<\/a><\/div><\/div><\/div><\/div>\n<div class=\"col-md-12 col-sm-12 col-xs-12 pt-cv-content-item pt-cv-1-col\" ><div class='pt-cv-ifield'><a href=\"https:\/\/www.dmsjuridica.com\/buscador_20179478954\/corteconstitucionalcronologico202454587\/t-412-18\/\" class=\"_self pt-cv-href-thumbnail pt-cv-thumb-default\" target=\"_self\" ><\/a>\n<div class=\"pt-cv-taxoterm above_title\"><a href='https:\/\/www.dmsjuridica.com\/buscador_20179478954\/corteconstitucionalcronologico202454587\/category\/buscar-en-toda-la-corte\/2018\/tutelas-2018\/' title='Tutelas 2018' class='pt-cv-tax-tutelas-2018'>Tutelas 2018<\/a><\/div>\n<h4 class=\"pt-cv-title\"><a href=\"https:\/\/www.dmsjuridica.com\/buscador_20179478954\/corteconstitucionalcronologico202454587\/t-412-18\/\" class=\"_self\" target=\"_self\" >T-412-18<\/a><\/h4>\n<div class=\"pt-cv-content\">\u00a0 \u00a0 \u00a0 \u00a0 \u00a0T-412-18 \u00a0 \u00a0 \u00a0 \u00a0 \u00a0 \u00a0\u00a0 Sentencia T-412\/18 \u00a0 \u00a0 ACCION DE TUTELA PARA \u00a0 ACCEDER A LA PENSION DE INVALIDEZ-Improcedencia \u00a0 por no cumplir requisitos de subsidiariedad e inmediatez \u00a0 \u00a0 Referencia: Expediente T-6.703.692 \u00a0 \u00a0 Magistrado Ponente: \u00a0 \u00a0 CARLOS BERNAL PULIDO \u00a0 \u00a0 Bogot\u00e1, D. C., cuatro (4) de octubre de dos mil dieciocho \u00a0 (2018). \u00a0 \u00a0 La Sala Primera de Revisi\u00f3n de la Corte Constitucional, \u00a0 integrada por la magistrada Diana Fajardo Rivera y los magistrados Luis \u00a0 Guillermo Guerrero P\u00e9rez y Carlos Bernal Pulido, quien la preside, en ejercicio ...<br \/><div class=\"pt-cv-rmwrap\"><a href=\"https:\/\/www.dmsjuridica.com\/buscador_20179478954\/corteconstitucionalcronologico202454587\/t-412-18\/\" class=\"_self pt-cv-readmore btn btn-success\" target=\"_self\">Ver Sentencia Completa...<\/a><\/div><\/div><\/div><\/div>\n<div class=\"col-md-12 col-sm-12 col-xs-12 pt-cv-content-item pt-cv-1-col\" ><div class='pt-cv-ifield'><a href=\"https:\/\/www.dmsjuridica.com\/buscador_20179478954\/corteconstitucionalcronologico202454587\/t-411-18\/\" class=\"_self pt-cv-href-thumbnail pt-cv-thumb-default\" target=\"_self\" ><\/a>\n<div class=\"pt-cv-taxoterm above_title\"><a href='https:\/\/www.dmsjuridica.com\/buscador_20179478954\/corteconstitucionalcronologico202454587\/category\/buscar-en-toda-la-corte\/2018\/tutelas-2018\/' title='Tutelas 2018' class='pt-cv-tax-tutelas-2018'>Tutelas 2018<\/a><\/div>\n<h4 class=\"pt-cv-title\"><a href=\"https:\/\/www.dmsjuridica.com\/buscador_20179478954\/corteconstitucionalcronologico202454587\/t-411-18\/\" class=\"_self\" target=\"_self\" >T-411-18<\/a><\/h4>\n<div class=\"pt-cv-content\">\u00a0 \u00a0 \u00a0 \u00a0 \u00a0T-411-18 \u00a0 \u00a0 \u00a0 \u00a0 \u00a0 \u00a0\u00a0 Sentencia T-411\/18 \u00a0 \u00a0\u00a0 DEBER DE PROTECCION DEL \u00a0 ESTADO CON RELACION A LA VIDA Y A LA SEGURIDAD PERSONAL DE LIDERES, LIDERESAS, \u00a0 AUTORIDADES Y REPRESENTANTES INDIGENAS-Reiteraci\u00f3n de jurisprudencia \u00a0 \u00a0 CARENCIA ACTUAL DE OBJETO \u00a0 POR HECHO SUPERADO-Configuraci\u00f3n \u00a0 \u00a0 La jurisprudencia constitucional ha identificado tres hip\u00f3tesis en las \u00a0 cuales se configura el fen\u00f3meno de la carencia actual de objeto, a saber:\u00a0(i)\u00a0cuando existe un hecho superado,\u00a0(ii)\u00a0cuando se presenta un da\u00f1o consumado y,\u00a0(iii)\u00a0cuando acaece una situaci\u00f3n sobreviniente. \u00a0 \u00a0 SEGURIDAD PERSONAL-Manifestaci\u00f3n como valor \u00a0 constitucional, derecho colectivo ...<br \/><div class=\"pt-cv-rmwrap\"><a href=\"https:\/\/www.dmsjuridica.com\/buscador_20179478954\/corteconstitucionalcronologico202454587\/t-411-18\/\" class=\"_self pt-cv-readmore btn btn-success\" target=\"_self\">Ver Sentencia Completa...<\/a><\/div><\/div><\/div><\/div>\n<div class=\"col-md-12 col-sm-12 col-xs-12 pt-cv-content-item pt-cv-1-col\" ><div class='pt-cv-ifield'><a href=\"https:\/\/www.dmsjuridica.com\/buscador_20179478954\/corteconstitucionalcronologico202454587\/t-410-18\/\" class=\"_self pt-cv-href-thumbnail pt-cv-thumb-default\" target=\"_self\" ><\/a>\n<div class=\"pt-cv-taxoterm above_title\"><a href='https:\/\/www.dmsjuridica.com\/buscador_20179478954\/corteconstitucionalcronologico202454587\/category\/buscar-en-toda-la-corte\/2018\/tutelas-2018\/' title='Tutelas 2018' class='pt-cv-tax-tutelas-2018'>Tutelas 2018<\/a><\/div>\n<h4 class=\"pt-cv-title\"><a href=\"https:\/\/www.dmsjuridica.com\/buscador_20179478954\/corteconstitucionalcronologico202454587\/t-410-18\/\" class=\"_self\" target=\"_self\" >T-410-18<\/a><\/h4>\n<div class=\"pt-cv-content\">\u00a0 \u00a0 \u00a0 \u00a0 \u00a0T-410-18 \u00a0 \u00a0 \u00a0 \u00a0 \u00a0 \u00a0\u00a0 Sentencia T-410\/18 \u00a0 \u00a0 DERECHO A LA PENSION DE VEJEZ Y AL MINIMO VITAL-Vulneraci\u00f3n por parte \u00a0 del empleador al dejar de pagar la mesada pensional aduciendo no tener recursos \u00a0 econ\u00f3micos para cancelarla\u00a0\u00a0\u00a0\u00a0\u00a0\u00a0\u00a0\u00a0\u00a0\u00a0\u00a0\u00a0\u00a0\u00a0\u00a0\u00a0\u00a0\u00a0\u00a0\u00a0\u00a0\u00a0\u00a0\u00a0\u00a0\u00a0\u00a0\u00a0\u00a0\u00a0\u00a0\u00a0\u00a0\u00a0\u00a0\u00a0\u00a0\u00a0\u00a0\u00a0\u00a0\u00a0\u00a0\u00a0\u00a0\u00a0\u00a0\u00a0\u00a0\u00a0\u00a0\u00a0\u00a0\u00a0\u00a0\u00a0\u00a0\u00a0\u00a0 \u00a0 \u00a0\u00a0\u00a0\u00a0\u00a0\u00a0\u00a0\u00a0\u00a0\u00a0\u00a0\u00a0\u00a0\u00a0\u00a0\u00a0\u00a0\u00a0\u00a0\u00a0\u00a0\u00a0\u00a0\u00a0\u00a0\u00a0\u00a0\u00a0\u00a0\u00a0\u00a0\u00a0\u00a0\u00a0\u00a0\u00a0\u00a0\u00a0\u00a0\u00a0\u00a0\u00a0\u00a0\u00a0\u00a0\u00a0\u00a0\u00a0\u00a0\u00a0\u00a0\u00a0\u00a0\u00a0\u00a0\u00a0\u00a0\u00a0\u00a0\u00a0\u00a0\u00a0\u00a0\u00a0\u00a0\u00a0\u00a0\u00a0\u00a0\u00a0\u00a0\u00a0\u00a0\u00a0\u00a0\u00a0\u00a0\u00a0\u00a0\u00a0\u00a0\u00a0\u00a0\u00a0\u00a0\u00a0\u00a0\u00a0\u00a0\u00a0\u00a0\u00a0\u00a0\u00a0\u00a0\u00a0\u00a0\u00a0\u00a0\u00a0\u00a0\u00a0\u00a0\u00a0\u00a0\u00a0\u00a0\u00a0\u00a0\u00a0\u00a0\u00a0\u00a0\u00a0\u00a0\u00a0\u00a0\u00a0\u00a0\u00a0\u00a0\u00a0\u00a0\u00a0\u00a0\u00a0\u00a0\u00a0\u00a0\u00a0\u00a0\u00a0\u00a0\u00a0\u00a0\u00a0\u00a0\u00a0\u00a0\u00a0\u00a0\u00a0\u00a0\u00a0\u00a0\u00a0\u00a0\u00a0\u00a0\u00a0\u00a0\u00a0\u00a0\u00a0\u00a0\u00a0\u00a0\u00a0\u00a0\u00a0\u00a0\u00a0\u00a0\u00a0\u00a0\u00a0\u00a0\u00a0\u00a0\u00a0\u00a0\u00a0\u00a0\u00a0\u00a0\u00a0\u00a0\u00a0\u00a0\u00a0\u00a0\u00a0\u00a0\u00a0\u00a0\u00a0\u00a0\u00a0\u00a0\u00a0\u00a0\u00a0\u00a0\u00a0\u00a0\u00a0\u00a0\u00a0\u00a0\u00a0\u00a0\u00a0\u00a0\u00a0\u00a0\u00a0\u00a0\u00a0\u00a0\u00a0\u00a0\u00a0\u00a0\u00a0\u00a0\u00a0\u00a0\u00a0\u00a0\u00a0\u00a0\u00a0\u00a0\u00a0\u00a0\u00a0\u00a0\u00a0\u00a0\u00a0\u00a0\u00a0\u00a0\u00a0\u00a0\u00a0\u00a0\u00a0\u00a0\u00a0\u00a0\u00a0\u00a0\u00a0\u00a0\u00a0\u00a0\u00a0\u00a0\u00a0\u00a0\u00a0\u00a0\u00a0\u00a0\u00a0\u00a0\u00a0\u00a0\u00a0\u00a0\u00a0\u00a0\u00a0\u00a0\u00a0\u00a0\u00a0\u00a0\u00a0\u00a0\u00a0\u00a0\u00a0\u00a0\u00a0\u00a0\u00a0\u00a0\u00a0\u00a0\u00a0\u00a0\u00a0\u00a0\u00a0\u00a0\u00a0\u00a0\u00a0\u00a0\u00a0\u00a0\u00a0\u00a0\u00a0\u00a0\u00a0\u00a0\u00a0\u00a0\u00a0\u00a0\u00a0\u00a0\u00a0\u00a0\u00a0\u00a0\u00a0\u00a0\u00a0\u00a0\u00a0\u00a0\u00a0\u00a0\u00a0\u00a0\u00a0\u00a0\u00a0\u00a0\u00a0\u00a0\u00a0\u00a0\u00a0\u00a0\u00a0\u00a0\u00a0\u00a0\u00a0\u00a0\u00a0\u00a0\u00a0\u00a0\u00a0\u00a0\u00a0\u00a0\u00a0\u00a0\u00a0\u00a0\u00a0\u00a0\u00a0\u00a0\u00a0\u00a0\u00a0\u00a0\u00a0\u00a0\u00a0\u00a0\u00a0\u00a0\u00a0\u00a0\u00a0\u00a0\u00a0\u00a0\u00a0\u00a0\u00a0\u00a0\u00a0\u00a0\u00a0\u00a0\u00a0\u00a0\u00a0\u00a0\u00a0\u00a0\u00a0\u00a0\u00a0\u00a0\u00a0\u00a0\u00a0\u00a0\u00a0\u00a0\u00a0\u00a0\u00a0\u00a0\u00a0\u00a0\u00a0\u00a0\u00a0\u00a0\u00a0\u00a0\u00a0\u00a0\u00a0\u00a0\u00a0\u00a0\u00a0\u00a0\u00a0\u00a0\u00a0\u00a0\u00a0\u00a0\u00a0\u00a0\u00a0\u00a0\u00a0\u00a0\u00a0\u00a0\u00a0\u00a0\u00a0\u00a0\u00a0\u00a0\u00a0\u00a0\u00a0\u00a0\u00a0\u00a0\u00a0\u00a0\u00a0\u00a0\u00a0\u00a0\u00a0\u00a0\u00a0\u00a0\u00a0\u00a0\u00a0\u00a0\u00a0\u00a0\u00a0\u00a0\u00a0\u00a0\u00a0\u00a0\u00a0\u00a0\u00a0\u00a0\u00a0\u00a0\u00a0\u00a0\u00a0\u00a0\u00a0\u00a0\u00a0\u00a0\u00a0\u00a0\u00a0\u00a0\u00a0\u00a0\u00a0\u00a0\u00a0\u00a0\u00a0\u00a0\u00a0\u00a0\u00a0\u00a0\u00a0\u00a0\u00a0\u00a0\u00a0\u00a0\u00a0\u00a0\u00a0\u00a0\u00a0\u00a0\u00a0\u00a0\u00a0\u00a0\u00a0\u00a0\u00a0\u00a0\u00a0\u00a0\u00a0\u00a0\u00a0\u00a0\u00a0\u00a0\u00a0\u00a0\u00a0\u00a0\u00a0\u00a0\u00a0\u00a0\u00a0\u00a0\u00a0\u00a0\u00a0\u00a0\u00a0\u00a0\u00a0\u00a0\u00a0\u00a0\u00a0\u00a0\u00a0\u00a0\u00a0\u00a0\u00a0\u00a0\u00a0\u00a0\u00a0\u00a0\u00a0\u00a0\u00a0\u00a0\u00a0\u00a0\u00a0\u00a0\u00a0\u00a0\u00a0\u00a0\u00a0\u00a0\u00a0\u00a0\u00a0\u00a0\u00a0\u00a0\u00a0\u00a0\u00a0\u00a0\u00a0\u00a0\u00a0\u00a0\u00a0\u00a0\u00a0\u00a0\u00a0\u00a0\u00a0\u00a0\u00a0\u00a0\u00a0\u00a0\u00a0\u00a0\u00a0\u00a0\u00a0\u00a0\u00a0\u00a0\u00a0\u00a0\u00a0\u00a0\u00a0\u00a0\u00a0\u00a0\u00a0\u00a0\u00a0\u00a0\u00a0\u00a0\u00a0\u00a0\u00a0\u00a0\u00a0\u00a0\u00a0\u00a0\u00a0\u00a0\u00a0\u00a0\u00a0\u00a0\u00a0\u00a0\u00a0\u00a0\u00a0\u00a0\u00a0\u00a0\u00a0\u00a0\u00a0\u00a0\u00a0\u00a0\u00a0\u00a0\u00a0\u00a0\u00a0\u00a0\u00a0\u00a0\u00a0\u00a0\u00a0\u00a0\u00a0\u00a0\u00a0\u00a0\u00a0\u00a0\u00a0\u00a0\u00a0\u00a0\u00a0\u00a0\u00a0\u00a0\u00a0\u00a0\u00a0\u00a0\u00a0\u00a0\u00a0\u00a0\u00a0\u00a0\u00a0\u00a0\u00a0\u00a0\u00a0\u00a0\u00a0\u00a0\u00a0\u00a0\u00a0\u00a0\u00a0\u00a0\u00a0\u00a0\u00a0\u00a0\u00a0\u00a0\u00a0\u00a0\u00a0\u00a0\u00a0\u00a0\u00a0\u00a0\u00a0\u00a0\u00a0\u00a0\u00a0\u00a0\u00a0\u00a0\u00a0\u00a0\u00a0\u00a0\u00a0\u00a0\u00a0\u00a0\u00a0\u00a0\u00a0\u00a0\u00a0\u00a0\u00a0\u00a0\u00a0\u00a0\u00a0\u00a0\u00a0\u00a0\u00a0\u00a0\u00a0\u00a0\u00a0\u00a0\u00a0\u00a0\u00a0\u00a0\u00a0\u00a0\u00a0\u00a0\u00a0\u00a0\u00a0\u00a0\u00a0\u00a0\u00a0\u00a0\u00a0\u00a0\u00a0\u00a0\u00a0\u00a0\u00a0\u00a0\u00a0\u00a0\u00a0\u00a0\u00a0\u00a0\u00a0\u00a0\u00a0\u00a0\u00a0\u00a0\u00a0\u00a0\u00a0\u00a0\u00a0\u00a0\u00a0\u00a0\u00a0\u00a0\u00a0\u00a0\u00a0\u00a0\u00a0\u00a0\u00a0\u00a0\u00a0\u00a0\u00a0\u00a0\u00a0\u00a0\u00a0\u00a0\u00a0\u00a0\u00a0\u00a0\u00a0\u00a0\u00a0\u00a0\u00a0\u00a0\u00a0\u00a0\u00a0\u00a0\u00a0\u00a0\u00a0\u00a0\u00a0\u00a0\u00a0\u00a0\u00a0\u00a0\u00a0\u00a0\u00a0\u00a0\u00a0\u00a0\u00a0\u00a0\u00a0\u00a0\u00a0\u00a0\u00a0\u00a0\u00a0\u00a0\u00a0\u00a0\u00a0\u00a0\u00a0\u00a0\u00a0\u00a0\u00a0\u00a0\u00a0\u00a0\u00a0\u00a0\u00a0\u00a0\u00a0\u00a0\u00a0\u00a0\u00a0\u00a0\u00a0\u00a0\u00a0\u00a0\u00a0\u00a0\u00a0\u00a0\u00a0\u00a0\u00a0\u00a0\u00a0\u00a0\u00a0\u00a0\u00a0\u00a0\u00a0\u00a0\u00a0\u00a0\u00a0\u00a0\u00a0\u00a0\u00a0\u00a0\u00a0\u00a0\u00a0\u00a0\u00a0\u00a0\u00a0\u00a0\u00a0\u00a0\u00a0\u00a0\u00a0\u00a0\u00a0\u00a0\u00a0\u00a0\u00a0\u00a0\u00a0\u00a0\u00a0\u00a0\u00a0\u00a0\u00a0\u00a0\u00a0\u00a0\u00a0\u00a0\u00a0\u00a0\u00a0\u00a0\u00a0\u00a0\u00a0\u00a0\u00a0\u00a0\u00a0\u00a0\u00a0\u00a0\u00a0\u00a0\u00a0\u00a0\u00a0\u00a0\u00a0\u00a0\u00a0\u00a0\u00a0\u00a0\u00a0\u00a0\u00a0\u00a0\u00a0\u00a0\u00a0\u00a0\u00a0\u00a0\u00a0\u00a0\u00a0\u00a0\u00a0\u00a0\u00a0\u00a0\u00a0\u00a0\u00a0\u00a0\u00a0\u00a0\u00a0\u00a0\u00a0\u00a0\u00a0\u00a0\u00a0\u00a0\u00a0\u00a0\u00a0\u00a0\u00a0\u00a0\u00a0\u00a0\u00a0\u00a0\u00a0\u00a0\u00a0\u00a0\u00a0\u00a0\u00a0\u00a0\u00a0\u00a0\u00a0\u00a0\u00a0\u00a0\u00a0\u00a0\u00a0\u00a0\u00a0\u00a0\u00a0\u00a0\u00a0\u00a0\u00a0\u00a0\u00a0\u00a0\u00a0\u00a0\u00a0\u00a0\u00a0\u00a0\u00a0\u00a0\u00a0\u00a0\u00a0\u00a0\u00a0\u00a0\u00a0\u00a0\u00a0\u00a0\u00a0\u00a0\u00a0\u00a0\u00a0\u00a0\u00a0\u00a0\u00a0\u00a0\u00a0\u00a0\u00a0\u00a0\u00a0\u00a0\u00a0\u00a0\u00a0\u00a0\u00a0\u00a0\u00a0\u00a0\u00a0\u00a0\u00a0\u00a0\u00a0\u00a0\u00a0\u00a0\u00a0\u00a0\u00a0\u00a0\u00a0\u00a0\u00a0\u00a0\u00a0\u00a0\u00a0\u00a0\u00a0\u00a0\u00a0\u00a0\u00a0\u00a0\u00a0\u00a0\u00a0\u00a0\u00a0\u00a0\u00a0\u00a0\u00a0\u00a0\u00a0\u00a0\u00a0\u00a0\u00a0\u00a0\u00a0\u00a0\u00a0\u00a0\u00a0\u00a0\u00a0\u00a0\u00a0\u00a0\u00a0\u00a0\u00a0\u00a0\u00a0\u00a0\u00a0\u00a0\u00a0\u00a0\u00a0\u00a0\u00a0\u00a0\u00a0\u00a0\u00a0\u00a0\u00a0\u00a0\u00a0\u00a0\u00a0\u00a0\u00a0\u00a0\u00a0\u00a0\u00a0\u00a0\u00a0\u00a0\u00a0\u00a0\u00a0\u00a0\u00a0\u00a0\u00a0\u00a0\u00a0\u00a0\u00a0\u00a0\u00a0\u00a0\u00a0\u00a0\u00a0\u00a0\u00a0\u00a0\u00a0\u00a0\u00a0\u00a0\u00a0\u00a0\u00a0\u00a0\u00a0\u00a0\u00a0\u00a0\u00a0\u00a0\u00a0\u00a0\u00a0\u00a0\u00a0\u00a0\u00a0\u00a0\u00a0\u00a0\u00a0\u00a0\u00a0\u00a0\u00a0\u00a0\u00a0\u00a0\u00a0\u00a0\u00a0\u00a0\u00a0\u00a0\u00a0\u00a0\u00a0\u00a0\u00a0\u00a0\u00a0\u00a0\u00a0\u00a0\u00a0\u00a0\u00a0\u00a0\u00a0\u00a0\u00a0\u00a0\u00a0\u00a0\u00a0\u00a0\u00a0\u00a0\u00a0\u00a0\u00a0\u00a0\u00a0\u00a0\u00a0\u00a0\u00a0\u00a0\u00a0\u00a0\u00a0\u00a0\u00a0\u00a0\u00a0\u00a0\u00a0\u00a0\u00a0\u00a0\u00a0\u00a0\u00a0\u00a0\u00a0\u00a0\u00a0\u00a0\u00a0\u00a0\u00a0\u00a0\u00a0\u00a0\u00a0\u00a0\u00a0\u00a0\u00a0\u00a0\u00a0\u00a0\u00a0\u00a0\u00a0\u00a0\u00a0\u00a0\u00a0\u00a0\u00a0\u00a0\u00a0\u00a0\u00a0\u00a0\u00a0\u00a0\u00a0\u00a0\u00a0\u00a0\u00a0\u00a0\u00a0\u00a0\u00a0\u00a0\u00a0\u00a0\u00a0\u00a0\u00a0\u00a0\u00a0\u00a0\u00a0\u00a0\u00a0\u00a0\u00a0\u00a0\u00a0\u00a0\u00a0\u00a0\u00a0\u00a0\u00a0\u00a0\u00a0\u00a0\u00a0\u00a0\u00a0\u00a0\u00a0\u00a0\u00a0\u00a0\u00a0\u00a0\u00a0\u00a0\u00a0\u00a0\u00a0\u00a0\u00a0\u00a0\u00a0\u00a0\u00a0\u00a0\u00a0\u00a0\u00a0\u00a0\u00a0\u00a0\u00a0\u00a0\u00a0\u00a0\u00a0\u00a0\u00a0\u00a0\u00a0\u00a0\u00a0\u00a0\u00a0\u00a0\u00a0\u00a0\u00a0\u00a0\u00a0\u00a0\u00a0\u00a0\u00a0\u00a0\u00a0\u00a0\u00a0\u00a0\u00a0\u00a0\u00a0\u00a0\u00a0\u00a0\u00a0\u00a0\u00a0\u00a0\u00a0\u00a0\u00a0\u00a0\u00a0\u00a0\u00a0\u00a0\u00a0\u00a0\u00a0\u00a0\u00a0\u00a0\u00a0\u00a0\u00a0\u00a0\u00a0\u00a0\u00a0\u00a0\u00a0\u00a0\u00a0\u00a0\u00a0\u00a0\u00a0\u00a0\u00a0\u00a0\u00a0\u00a0\u00a0\u00a0\u00a0\u00a0\u00a0\u00a0\u00a0\u00a0\u00a0\u00a0\u00a0\u00a0\u00a0\u00a0\u00a0\u00a0\u00a0\u00a0\u00a0\u00a0\u00a0\u00a0\u00a0\u00a0\u00a0\u00a0\u00a0\u00a0\u00a0\u00a0\u00a0\u00a0\u00a0\u00a0\u00a0\u00a0\u00a0\u00a0\u00a0\u00a0\u00a0\u00a0\u00a0\u00a0\u00a0\u00a0\u00a0\u00a0\u00a0\u00a0\u00a0\u00a0\u00a0\u00a0\u00a0\u00a0\u00a0\u00a0\u00a0\u00a0\u00a0\u00a0\u00a0\u00a0\u00a0\u00a0\u00a0\u00a0\u00a0\u00a0\u00a0\u00a0\u00a0\u00a0\u00a0\u00a0\u00a0\u00a0\u00a0\u00a0\u00a0\u00a0\u00a0\u00a0\u00a0\u00a0\u00a0\u00a0\u00a0\u00a0\u00a0\u00a0\u00a0\u00a0\u00a0\u00a0\u00a0\u00a0\u00a0\u00a0\u00a0\u00a0\u00a0\u00a0\u00a0\u00a0\u00a0\u00a0\u00a0\u00a0\u00a0\u00a0\u00a0\u00a0\u00a0\u00a0\u00a0\u00a0\u00a0\u00a0\u00a0\u00a0\u00a0\u00a0\u00a0\u00a0\u00a0\u00a0\u00a0\u00a0\u00a0\u00a0\u00a0\u00a0\u00a0\u00a0\u00a0\u00a0\u00a0\u00a0\u00a0\u00a0\u00a0\u00a0\u00a0\u00a0\u00a0\u00a0\u00a0\u00a0\u00a0\u00a0\u00a0\u00a0\u00a0\u00a0\u00a0\u00a0\u00a0\u00a0\u00a0\u00a0\u00a0\u00a0\u00a0\u00a0\u00a0\u00a0\u00a0\u00a0\u00a0\u00a0\u00a0\u00a0\u00a0\u00a0\u00a0\u00a0\u00a0\u00a0\u00a0\u00a0\u00a0\u00a0\u00a0\u00a0\u00a0\u00a0\u00a0\u00a0\u00a0\u00a0\u00a0\u00a0\u00a0\u00a0\u00a0\u00a0\u00a0\u00a0\u00a0\u00a0\u00a0\u00a0\u00a0\u00a0\u00a0\u00a0\u00a0\u00a0\u00a0\u00a0\u00a0\u00a0\u00a0\u00a0\u00a0\u00a0\u00a0\u00a0\u00a0\u00a0\u00a0\u00a0\u00a0\u00a0\u00a0\u00a0\u00a0\u00a0\u00a0\u00a0\u00a0\u00a0\u00a0\u00a0\u00a0\u00a0\u00a0\u00a0\u00a0\u00a0\u00a0\u00a0\u00a0\u00a0\u00a0\u00a0\u00a0\u00a0\u00a0\u00a0\u00a0\u00a0\u00a0\u00a0\u00a0\u00a0\u00a0\u00a0\u00a0\u00a0\u00a0\u00a0\u00a0\u00a0\u00a0\u00a0\u00a0\u00a0\u00a0\u00a0\u00a0\u00a0\u00a0\u00a0\u00a0\u00a0\u00a0\u00a0\u00a0\u00a0\u00a0\u00a0\u00a0\u00a0\u00a0\u00a0\u00a0\u00a0\u00a0\u00a0\u00a0\u00a0\u00a0\u00a0\u00a0\u00a0\u00a0\u00a0\u00a0\u00a0\u00a0\u00a0\u00a0\u00a0\u00a0\u00a0\u00a0\u00a0\u00a0\u00a0\u00a0\u00a0\u00a0\u00a0\u00a0\u00a0\u00a0\u00a0\u00a0\u00a0\u00a0\u00a0\u00a0\u00a0\u00a0\u00a0\u00a0\u00a0\u00a0\u00a0\u00a0\u00a0\u00a0\u00a0\u00a0\u00a0\u00a0\u00a0\u00a0\u00a0\u00a0\u00a0\u00a0\u00a0\u00a0\u00a0\u00a0\u00a0\u00a0\u00a0\u00a0\u00a0\u00a0\u00a0\u00a0\u00a0\u00a0\u00a0\u00a0\u00a0\u00a0\u00a0\u00a0\u00a0\u00a0\u00a0\u00a0\u00a0\u00a0\u00a0\u00a0\u00a0\u00a0\u00a0\u00a0\u00a0\u00a0\u00a0\u00a0\u00a0\u00a0\u00a0\u00a0\u00a0\u00a0\u00a0\u00a0\u00a0\u00a0\u00a0\u00a0\u00a0\u00a0\u00a0\u00a0\u00a0\u00a0\u00a0\u00a0\u00a0\u00a0\u00a0\u00a0\u00a0\u00a0\u00a0\u00a0\u00a0\u00a0\u00a0\u00a0\u00a0\u00a0\u00a0\u00a0\u00a0\u00a0\u00a0\u00a0\u00a0\u00a0\u00a0\u00a0\u00a0\u00a0\u00a0\u00a0\u00a0\u00a0\u00a0\u00a0\u00a0\u00a0\u00a0\u00a0\u00a0\u00a0\u00a0\u00a0\u00a0\u00a0\u00a0\u00a0\u00a0\u00a0\u00a0\u00a0\u00a0\u00a0\u00a0\u00a0\u00a0\u00a0\u00a0\u00a0\u00a0\u00a0\u00a0\u00a0\u00a0\u00a0\u00a0\u00a0\u00a0\u00a0\u00a0\u00a0\u00a0\u00a0\u00a0\u00a0\u00a0\u00a0\u00a0\u00a0\u00a0\u00a0\u00a0\u00a0\u00a0\u00a0\u00a0\u00a0\u00a0\u00a0\u00a0\u00a0\u00a0\u00a0\u00a0\u00a0\u00a0\u00a0\u00a0\u00a0\u00a0\u00a0\u00a0\u00a0\u00a0\u00a0\u00a0\u00a0\u00a0\u00a0\u00a0\u00a0\u00a0\u00a0\u00a0\u00a0\u00a0\u00a0\u00a0\u00a0\u00a0\u00a0\u00a0\u00a0\u00a0\u00a0\u00a0\u00a0\u00a0\u00a0\u00a0\u00a0\u00a0\u00a0\u00a0\u00a0\u00a0\u00a0\u00a0\u00a0\u00a0\u00a0\u00a0\u00a0\u00a0\u00a0\u00a0\u00a0\u00a0\u00a0\u00a0\u00a0\u00a0\u00a0\u00a0\u00a0\u00a0\u00a0\u00a0\u00a0\u00a0\u00a0\u00a0\u00a0\u00a0\u00a0\u00a0\u00a0\u00a0\u00a0\u00a0\u00a0\u00a0\u00a0\u00a0\u00a0\u00a0\u00a0\u00a0\u00a0\u00a0\u00a0\u00a0\u00a0\u00a0\u00a0\u00a0\u00a0\u00a0\u00a0\u00a0\u00a0\u00a0\u00a0\u00a0\u00a0\u00a0\u00a0\u00a0\u00a0\u00a0\u00a0\u00a0\u00a0\u00a0\u00a0\u00a0\u00a0\u00a0\u00a0\u00a0\u00a0\u00a0\u00a0\u00a0\u00a0\u00a0\u00a0\u00a0\u00a0\u00a0\u00a0\u00a0\u00a0\u00a0\u00a0\u00a0\u00a0\u00a0\u00a0\u00a0\u00a0\u00a0\u00a0\u00a0\u00a0\u00a0\u00a0\u00a0\u00a0\u00a0\u00a0\u00a0\u00a0\u00a0\u00a0\u00a0\u00a0\u00a0\u00a0\u00a0\u00a0\u00a0\u00a0\u00a0\u00a0\u00a0\u00a0\u00a0\u00a0\u00a0\u00a0\u00a0\u00a0\u00a0\u00a0\u00a0\u00a0\u00a0\u00a0\u00a0\u00a0\u00a0\u00a0\u00a0\u00a0\u00a0\u00a0\u00a0\u00a0\u00a0\u00a0\u00a0\u00a0\u00a0\u00a0\u00a0\u00a0\u00a0\u00a0\u00a0\u00a0\u00a0\u00a0\u00a0\u00a0\u00a0\u00a0\u00a0\u00a0\u00a0\u00a0\u00a0\u00a0\u00a0\u00a0\u00a0\u00a0\u00a0\u00a0\u00a0\u00a0\u00a0\u00a0\u00a0\u00a0\u00a0\u00a0\u00a0\u00a0\u00a0\u00a0\u00a0\u00a0\u00a0\u00a0\u00a0\u00a0\u00a0\u00a0\u00a0\u00a0\u00a0\u00a0\u00a0\u00a0\u00a0\u00a0\u00a0\u00a0\u00a0\u00a0\u00a0\u00a0\u00a0\u00a0\u00a0\u00a0\u00a0\u00a0\u00a0\u00a0\u00a0\u00a0\u00a0\u00a0\u00a0\u00a0\u00a0\u00a0\u00a0\u00a0\u00a0\u00a0\u00a0\u00a0\u00a0\u00a0\u00a0\u00a0\u00a0\u00a0\u00a0\u00a0\u00a0\u00a0\u00a0\u00a0\u00a0\u00a0\u00a0\u00a0\u00a0\u00a0\u00a0\u00a0\u00a0\u00a0\u00a0\u00a0\u00a0\u00a0\u00a0\u00a0\u00a0 \u00a0 \u00a0 PROCEDENCIA DE LA ACCION \u00a0 DE TUTELA PARA EL PAGO DE ACREENCIAS LABORALES-Sujetos \u00a0 de especial protecci\u00f3n \u00a0 \u00a0 Le corresponde \u00a0 al juez constitucional, identificar si existe o no otro medio de defensa \u00a0 judicial para solicitar el pago de la obligaci\u00f3n pensional y si lo hay, \u00a0 verificar la ...<br \/><div class=\"pt-cv-rmwrap\"><a href=\"https:\/\/www.dmsjuridica.com\/buscador_20179478954\/corteconstitucionalcronologico202454587\/t-410-18\/\" class=\"_self pt-cv-readmore btn btn-success\" target=\"_self\">Ver Sentencia Completa...<\/a><\/div><\/div><\/div><\/div>\n<div class=\"col-md-12 col-sm-12 col-xs-12 pt-cv-content-item pt-cv-1-col\" ><div class='pt-cv-ifield'><a href=\"https:\/\/www.dmsjuridica.com\/buscador_20179478954\/corteconstitucionalcronologico202454587\/t-409-18\/\" class=\"_self pt-cv-href-thumbnail pt-cv-thumb-default\" target=\"_self\" ><\/a>\n<div class=\"pt-cv-taxoterm above_title\"><a href='https:\/\/www.dmsjuridica.com\/buscador_20179478954\/corteconstitucionalcronologico202454587\/category\/buscar-en-toda-la-corte\/2018\/tutelas-2018\/' title='Tutelas 2018' class='pt-cv-tax-tutelas-2018'>Tutelas 2018<\/a><\/div>\n<h4 class=\"pt-cv-title\"><a href=\"https:\/\/www.dmsjuridica.com\/buscador_20179478954\/corteconstitucionalcronologico202454587\/t-409-18\/\" class=\"_self\" target=\"_self\" >T-409-18<\/a><\/h4>\n<div class=\"pt-cv-content\">\u00a0 \u00a0 \u00a0 \u00a0 \u00a0T-409-18 \u00a0 \u00a0 \u00a0 \u00a0 \u00a0 \u00a0\u00a0 Sentencia \u00a0 T-409\/18 \u00a0 \u00a0 ACCION DE TUTELA CONTRA PROVIDENCIAS JUDICIALES-Requisitos generales y especiales de procedibilidad \u00a0 \u00a0 CARACTERIZACION DEL DEFECTO MATERIAL O SUSTANTIVO COMO CAUSAL DE PROCEDIBILIDAD \u00a0 DE LA ACCION DE TUTELA CONTRA PROVIDENCIAS JUDICIALES-Reiteraci\u00f3n de jurisprudencia \u00a0 \u00a0 El defecto material o sustantivo \u00a0se \u00a0 configura cuando la decisi\u00f3n judicial se apoya en una norma evidentemente \u00a0 inaplicable al caso concreto, bien sea por que ha sido derogada, porque ella o \u00a0 su aplicaci\u00f3n al caso concreto es inconstitucional o, porque, a pesar de estar \u00a0 ...<br \/><div class=\"pt-cv-rmwrap\"><a href=\"https:\/\/www.dmsjuridica.com\/buscador_20179478954\/corteconstitucionalcronologico202454587\/t-409-18\/\" class=\"_self pt-cv-readmore btn btn-success\" target=\"_self\">Ver Sentencia Completa...<\/a><\/div><\/div><\/div><\/div>\n<div class=\"col-md-12 col-sm-12 col-xs-12 pt-cv-content-item pt-cv-1-col\" ><div class='pt-cv-ifield'><a href=\"https:\/\/www.dmsjuridica.com\/buscador_20179478954\/corteconstitucionalcronologico202454587\/t-408-18\/\" class=\"_self pt-cv-href-thumbnail pt-cv-thumb-default\" target=\"_self\" ><\/a>\n<div class=\"pt-cv-taxoterm above_title\"><a href='https:\/\/www.dmsjuridica.com\/buscador_20179478954\/corteconstitucionalcronologico202454587\/category\/buscar-en-toda-la-corte\/2018\/tutelas-2018\/' title='Tutelas 2018' class='pt-cv-tax-tutelas-2018'>Tutelas 2018<\/a><\/div>\n<h4 class=\"pt-cv-title\"><a href=\"https:\/\/www.dmsjuridica.com\/buscador_20179478954\/corteconstitucionalcronologico202454587\/t-408-18\/\" class=\"_self\" target=\"_self\" >T-408-18<\/a><\/h4>\n<div class=\"pt-cv-content\">\u00a0 \u00a0 \u00a0 \u00a0 \u00a0T-408-18 \u00a0 \u00a0 \u00a0 \u00a0 \u00a0 \u00a0\u00a0 Sentencia T-408\/18 \u00a0 \u00a0\u00a0 ACCION DE TUTELA CONTRA PROVIDENCIAS \u00a0 JUDICIALES-Requisitos \u00a0 generales y especiales de procedibilidad \u00a0 \u00a0 ACCION DE TUTELA CONTRA PROVIDENCIAS \u00a0 JUDICIALES-Improcedencia \u00a0 por incumplir requisitos de procedibilidad en proceso penal \u00a0 \u00a0 Referencia: Expediente T-6.687.484 \u00a0 \u00a0 Acci\u00f3n de tutela presentada Saulo Arboleda G\u00f3mez contra la Sala de Casaci\u00f3n \u00a0 Penal de la Corte Suprema de Justicia \u00a0 \u00a0 CARLOS BERNAL PULIDO \u00a0 \u00a0 \u00a0Bogot\u00e1, D.C., primero (1\u00ba) de octubre de dos mil dieciocho \u00a0(2018). \u00a0 \u00a0 La Sala Primera de Revisi\u00f3n de la ...<br \/><div class=\"pt-cv-rmwrap\"><a href=\"https:\/\/www.dmsjuridica.com\/buscador_20179478954\/corteconstitucionalcronologico202454587\/t-408-18\/\" class=\"_self pt-cv-readmore btn btn-success\" target=\"_self\">Ver Sentencia Completa...<\/a><\/div><\/div><\/div><\/div>\n<div class=\"col-md-12 col-sm-12 col-xs-12 pt-cv-content-item pt-cv-1-col\" ><div class='pt-cv-ifield'><a href=\"https:\/\/www.dmsjuridica.com\/buscador_20179478954\/corteconstitucionalcronologico202454587\/t-407a-18\/\" class=\"_self pt-cv-href-thumbnail pt-cv-thumb-default\" target=\"_self\" ><\/a>\n<div class=\"pt-cv-taxoterm above_title\"><a href='https:\/\/www.dmsjuridica.com\/buscador_20179478954\/corteconstitucionalcronologico202454587\/category\/buscar-en-toda-la-corte\/2018\/tutelas-2018\/' title='Tutelas 2018' class='pt-cv-tax-tutelas-2018'>Tutelas 2018<\/a><\/div>\n<h4 class=\"pt-cv-title\"><a href=\"https:\/\/www.dmsjuridica.com\/buscador_20179478954\/corteconstitucionalcronologico202454587\/t-407a-18\/\" class=\"_self\" target=\"_self\" >T-407A-18<\/a><\/h4>\n<div class=\"pt-cv-content\">\u00a0 \u00a0 \u00a0 \u00a0 \u00a0T-407A-18 \u00a0 \u00a0 \u00a0 \u00a0 \u00a0 \u00a0\u00a0 Sentencia \u00a0 T-407A\/18 \u00a0 \u00a0 LEGITIMACION POR ACTIVA EN TUTELA-Persona \u00a0 natural que act\u00faa en defensa de sus propios intereses \u00a0 \u00a0 ACCION DE TUTELA CONTRA PARTICULARES CUANDO EL \u00a0 AFECTADO SE ENCUENTRA EN ESTADO DE INDEFENSION-Lineamientos \u00a0 constitucionales para establecer si una persona se encuentra en estado de \u00a0 indefensi\u00f3n \u00a0 \u00a0 En relaci\u00f3n con el estado de indefensi\u00f3n, este Tribunal ha \u00a0 precisado que esta situaci\u00f3n se configura cuando la persona afectada en sus \u00a0 derechos por la acci\u00f3n u omisi\u00f3n del particular carece de medios f\u00edsicos ...<br \/><div class=\"pt-cv-rmwrap\"><a href=\"https:\/\/www.dmsjuridica.com\/buscador_20179478954\/corteconstitucionalcronologico202454587\/t-407a-18\/\" class=\"_self pt-cv-readmore btn btn-success\" target=\"_self\">Ver Sentencia Completa...<\/a><\/div><\/div><\/div><\/div>\n<div class=\"col-md-12 col-sm-12 col-xs-12 pt-cv-content-item pt-cv-1-col\" ><div class='pt-cv-ifield'><a href=\"https:\/\/www.dmsjuridica.com\/buscador_20179478954\/corteconstitucionalcronologico202454587\/t-407-18\/\" class=\"_self pt-cv-href-thumbnail pt-cv-thumb-default\" target=\"_self\" ><\/a>\n<div class=\"pt-cv-taxoterm above_title\"><a href='https:\/\/www.dmsjuridica.com\/buscador_20179478954\/corteconstitucionalcronologico202454587\/category\/buscar-en-toda-la-corte\/2018\/tutelas-2018\/' title='Tutelas 2018' class='pt-cv-tax-tutelas-2018'>Tutelas 2018<\/a><\/div>\n<h4 class=\"pt-cv-title\"><a href=\"https:\/\/www.dmsjuridica.com\/buscador_20179478954\/corteconstitucionalcronologico202454587\/t-407-18\/\" class=\"_self\" target=\"_self\" >T-407-18<\/a><\/h4>\n<div class=\"pt-cv-content\">\u00a0 \u00a0 \u00a0 \u00a0 \u00a0T-407-18 \u00a0 \u00a0 \u00a0 \u00a0 \u00a0 \u00a0\u00a0 Sentencia T-407\/18 \u00a0 \u00a0 PENSION DE INVALIDEZ-Casos en que se niega reconocimiento de la pensi\u00f3n \u00a0 de invalidez, por incumplir el requisito de cotizaci\u00f3n de 50 semanas dentro de \u00a0 los 3 a\u00f1os inmediatamente anteriores a la fecha de estructuraci\u00f3n de la \u00a0 invalidez \u00a0 \u00a0 ACCION DE TUTELA PARA RECLAMAR EL RECONOCIMIENTO Y PAGO DE DERECHOS PENSIONALES-Procedencia \u00a0 excepcional \u00a0 \u00a0 La Corte \u00a0 Constitucional tambi\u00e9n ha justificado la procedencia excepcional de la acci\u00f3n de \u00a0 tutela para el reconocimiento de prestaciones pensionales, trazando ciertos \u00a0 factores que ...<br \/><div class=\"pt-cv-rmwrap\"><a href=\"https:\/\/www.dmsjuridica.com\/buscador_20179478954\/corteconstitucionalcronologico202454587\/t-407-18\/\" class=\"_self pt-cv-readmore btn btn-success\" target=\"_self\">Ver Sentencia Completa...<\/a><\/div><\/div><\/div><\/div>\n<div class=\"col-md-12 col-sm-12 col-xs-12 pt-cv-content-item pt-cv-1-col\" ><div class='pt-cv-ifield'><a href=\"https:\/\/www.dmsjuridica.com\/buscador_20179478954\/corteconstitucionalcronologico202454587\/t-406-18\/\" class=\"_self pt-cv-href-thumbnail pt-cv-thumb-default\" target=\"_self\" ><\/a>\n<div class=\"pt-cv-taxoterm above_title\"><a href='https:\/\/www.dmsjuridica.com\/buscador_20179478954\/corteconstitucionalcronologico202454587\/category\/buscar-en-toda-la-corte\/2018\/tutelas-2018\/' title='Tutelas 2018' class='pt-cv-tax-tutelas-2018'>Tutelas 2018<\/a><\/div>\n<h4 class=\"pt-cv-title\"><a href=\"https:\/\/www.dmsjuridica.com\/buscador_20179478954\/corteconstitucionalcronologico202454587\/t-406-18\/\" class=\"_self\" target=\"_self\" >T-406-18<\/a><\/h4>\n<div class=\"pt-cv-content\">\u00a0 \u00a0 \u00a0 \u00a0 \u00a0T-406-18 \u00a0 \u00a0 \u00a0 \u00a0 \u00a0 \u00a0\u00a0 Sentencia T-406\/18 \u00a0 \u00a0 LEGITIMACION POR ACTIVA EN TUTELA-Persona natural que act\u00faa en defensa de sus \u00a0 propios intereses \u00a0 \u00a0 LEGITIMACION POR PASIVA EN TUTELA-Entidades p\u00fablicas \u00a0 encargadas de la prestaci\u00f3n y vigilancia del servicio p\u00fablico de acueducto y \u00a0 alcantarillado \u00a0 \u00a0 PRINCIPIO DE \u00a0 INMEDIATEZ COMO REQUISITO DE PROCEDIBILIDAD DE LA ACCION DE TUTELA-Debe ponderarse bajo el criterio del plazo \u00a0 razonable y oportuno \u00a0 \u00a0 ACCION DE TUTELA PARA LA PROTECCION DE DERECHOS COLECTIVOS-Procedencia \u00a0 excepcional \u00a0 \u00a0 DERECHO AL SERVICIO DE ALCANTARILLADO-Protecci\u00f3n \u00a0 excepcional ...<br \/><div class=\"pt-cv-rmwrap\"><a href=\"https:\/\/www.dmsjuridica.com\/buscador_20179478954\/corteconstitucionalcronologico202454587\/t-406-18\/\" class=\"_self pt-cv-readmore btn btn-success\" target=\"_self\">Ver Sentencia Completa...<\/a><\/div><\/div><\/div><\/div>\n<div class=\"col-md-12 col-sm-12 col-xs-12 pt-cv-content-item pt-cv-1-col\" ><div class='pt-cv-ifield'><a href=\"https:\/\/www.dmsjuridica.com\/buscador_20179478954\/corteconstitucionalcronologico202454587\/t-405-18\/\" class=\"_self pt-cv-href-thumbnail pt-cv-thumb-default\" target=\"_self\" ><\/a>\n<div class=\"pt-cv-taxoterm above_title\"><a href='https:\/\/www.dmsjuridica.com\/buscador_20179478954\/corteconstitucionalcronologico202454587\/category\/buscar-en-toda-la-corte\/2018\/tutelas-2018\/' title='Tutelas 2018' class='pt-cv-tax-tutelas-2018'>Tutelas 2018<\/a><\/div>\n<h4 class=\"pt-cv-title\"><a href=\"https:\/\/www.dmsjuridica.com\/buscador_20179478954\/corteconstitucionalcronologico202454587\/t-405-18\/\" class=\"_self\" target=\"_self\" >T-405-18<\/a><\/h4>\n<div class=\"pt-cv-content\">\u00a0 \u00a0 \u00a0 \u00a0 \u00a0T-405-18 \u00a0 \u00a0 \u00a0 \u00a0 \u00a0 \u00a0\u00a0 Sentencia \u00a0 T-405\/18 \u00a0 \u00a0 PRINCIPIO DE SUBSIDIARIEDAD DE LA ACCION DE TUTELA-Juez debe verificar si ante la existencia de otro \u00a0 medio de defensa judicial, \u00e9ste es eficaz e id\u00f3neo \u00a0 \u00a0 PERJUICIO IRREMEDIABLE-Caracter\u00edsticas \u00a0 \u00a0 ACCION DE TUTELA CONTRA ACTO ADMINISTRATIVO-Improcedencia general \u00a0 \u00a0 ACTO ADMINISTRATIVO DEFINITIVO-Definici\u00f3n\/ACTO \u00a0 ADMINISTRATIVO DE TRAMITE O PREPARATORIOS-Definici\u00f3n\u00a0 \u00a0 \u00a0 ACTO DE TRAMITE Y ACTO DEFINITIVO-Diferencias \u00a0 \u00a0 ACCION DE TUTELA \u00a0 CONTRA ACTOS ADMINISTRATIVOS DE TRAMITE O PREPARATORIOS-Procedencia excepcional\u00a0 \u00a0 \u00a0 Cabe, por excepci\u00f3n, el ejercicio de la acci\u00f3n de tutela, ...<br \/><div class=\"pt-cv-rmwrap\"><a href=\"https:\/\/www.dmsjuridica.com\/buscador_20179478954\/corteconstitucionalcronologico202454587\/t-405-18\/\" class=\"_self pt-cv-readmore btn btn-success\" target=\"_self\">Ver Sentencia Completa...<\/a><\/div><\/div><\/div><\/div>\n<div class=\"col-md-12 col-sm-12 col-xs-12 pt-cv-content-item pt-cv-1-col\" ><div class='pt-cv-ifield'><a href=\"https:\/\/www.dmsjuridica.com\/buscador_20179478954\/corteconstitucionalcronologico202454587\/t-404-18\/\" class=\"_self pt-cv-href-thumbnail pt-cv-thumb-default\" target=\"_self\" ><\/a>\n<div class=\"pt-cv-taxoterm above_title\"><a href='https:\/\/www.dmsjuridica.com\/buscador_20179478954\/corteconstitucionalcronologico202454587\/category\/buscar-en-toda-la-corte\/2018\/tutelas-2018\/' title='Tutelas 2018' class='pt-cv-tax-tutelas-2018'>Tutelas 2018<\/a><\/div>\n<h4 class=\"pt-cv-title\"><a href=\"https:\/\/www.dmsjuridica.com\/buscador_20179478954\/corteconstitucionalcronologico202454587\/t-404-18\/\" class=\"_self\" target=\"_self\" >T-404-18<\/a><\/h4>\n<div class=\"pt-cv-content\">\u00a0 \u00a0 \u00a0 \u00a0 \u00a0T-404-18 \u00a0 \u00a0 \u00a0 \u00a0 \u00a0 \u00a0\u00a0 \u00a0\u00a0\u00a0\u00a0\u00a0\u00a0\u00a0\u00a0\u00a0\u00a0\u00a0\u00a0\u00a0\u00a0\u00a0\u00a0\u00a0\u00a0\u00a0\u00a0\u00a0\u00a0\u00a0\u00a0\u00a0\u00a0\u00a0\u00a0\u00a0\u00a0\u00a0\u00a0\u00a0\u00a0\u00a0\u00a0\u00a0 \u00a0 \u00a0\u00a0 Sentencia T-404\/18 \u00a0 \u00a0 CUMPLIMIENTO DE SENTENCIAS JUDICIALES-Es \u00a0 un imperativo del Estado Social de Derecho \u00a0 \u00a0 CUMPLIMIENTO DE SENTENCIAS JUDICIALES-Garantiza el acceso a la \u00a0 administraci\u00f3n de justicia \u00a0 \u00a0 ACCION DE \u00a0 TUTELA PARA CUMPLIMIENTO DE SENTENCIAS JUDICIALES QUE RECONOCEN DERECHOS \u00a0 PENSIONALES-Procedencia excepcional \u00a0 \u00a0 Cuando se solicita el cumplimiento de sentencias \u00a0 que reconocen pensiones, la Corte ha considerado que resulta procedente la \u00a0 tutela si est\u00e1 de por medio la amenaza y vulneraci\u00f3n del m\u00ednimo vital y, con \u00a0 este, ...<br \/><div class=\"pt-cv-rmwrap\"><a href=\"https:\/\/www.dmsjuridica.com\/buscador_20179478954\/corteconstitucionalcronologico202454587\/t-404-18\/\" class=\"_self pt-cv-readmore btn btn-success\" target=\"_self\">Ver Sentencia Completa...<\/a><\/div><\/div><\/div><\/div>\n<div class=\"col-md-12 col-sm-12 col-xs-12 pt-cv-content-item pt-cv-1-col\" ><div class='pt-cv-ifield'><a href=\"https:\/\/www.dmsjuridica.com\/buscador_20179478954\/corteconstitucionalcronologico202454587\/t-403-18\/\" class=\"_self pt-cv-href-thumbnail pt-cv-thumb-default\" target=\"_self\" ><\/a>\n<div class=\"pt-cv-taxoterm above_title\"><a href='https:\/\/www.dmsjuridica.com\/buscador_20179478954\/corteconstitucionalcronologico202454587\/category\/buscar-en-toda-la-corte\/2018\/tutelas-2018\/' title='Tutelas 2018' class='pt-cv-tax-tutelas-2018'>Tutelas 2018<\/a><\/div>\n<h4 class=\"pt-cv-title\"><a href=\"https:\/\/www.dmsjuridica.com\/buscador_20179478954\/corteconstitucionalcronologico202454587\/t-403-18\/\" class=\"_self\" target=\"_self\" >T-403-18<\/a><\/h4>\n<div class=\"pt-cv-content\">\u00a0 \u00a0 \u00a0 \u00a0 \u00a0T-403-18 \u00a0 \u00a0 \u00a0 \u00a0 \u00a0 \u00a0\u00a0 Sentencia T-403\/18 \u00a0 \u00a0\u00a0 CARENCIA ACTUAL DE \u00a0 OBJETO-Configuraci\u00f3n \u00a0 y caracter\u00edsticas \u00a0 \u00a0 CARENCIA ACTUAL DE OBJETO-Fen\u00f3meno \u00a0 que se configura en los siguientes eventos: hecho superado, da\u00f1o consumado o \u00a0 situaci\u00f3n sobreviniente \u00a0 \u00a0 CARENCIA ACTUAL DE OBJETO POR HECHO \u00a0 SUPERADO-Configuraci\u00f3n \u00a0 \u00a0 CARENCIA ACTUAL DE \u00a0 OBJETO POR HECHO SUPERADO-Se reconoci\u00f3 pensi\u00f3n de sobrevivientes a menor de \u00a0 edad \u00a0 \u00a0 Referencia: Expediente T-6.772.962 \u00a0 \u00a0 Acci\u00f3n de tutela presentada por Jina Marcela Brand Balanta, en representaci\u00f3n de \u00a0 Sebasti\u00e1n Balanta Brand, contra de la ...<br \/><div class=\"pt-cv-rmwrap\"><a href=\"https:\/\/www.dmsjuridica.com\/buscador_20179478954\/corteconstitucionalcronologico202454587\/t-403-18\/\" class=\"_self pt-cv-readmore btn btn-success\" target=\"_self\">Ver Sentencia Completa...<\/a><\/div><\/div><\/div><\/div>\n<div class=\"col-md-12 col-sm-12 col-xs-12 pt-cv-content-item pt-cv-1-col\" ><div class='pt-cv-ifield'><a href=\"https:\/\/www.dmsjuridica.com\/buscador_20179478954\/corteconstitucionalcronologico202454587\/t-402-18\/\" class=\"_self pt-cv-href-thumbnail pt-cv-thumb-default\" target=\"_self\" ><\/a>\n<div class=\"pt-cv-taxoterm above_title\"><a href='https:\/\/www.dmsjuridica.com\/buscador_20179478954\/corteconstitucionalcronologico202454587\/category\/buscar-en-toda-la-corte\/2018\/tutelas-2018\/' title='Tutelas 2018' class='pt-cv-tax-tutelas-2018'>Tutelas 2018<\/a><\/div>\n<h4 class=\"pt-cv-title\"><a href=\"https:\/\/www.dmsjuridica.com\/buscador_20179478954\/corteconstitucionalcronologico202454587\/t-402-18\/\" class=\"_self\" target=\"_self\" >T-402-18<\/a><\/h4>\n<div class=\"pt-cv-content\">\u00a0 \u00a0 \u00a0 \u00a0 \u00a0T-402-18 \u00a0 \u00a0 \u00a0 \u00a0 \u00a0 \u00a0\u00a0 Sentencia T-402\/18 \u00a0 \u00a0 ACCION DE TUTELA PARA LA PROTECCION DEL DERECHO A LA SALUD DE LOS NI\u00d1OS \u00a0 NI\u00d1AS Y ADOLESCENTES-Procedencia \u00a0 \u00a0 La Corte Constitucional, en diversas \u00a0 ocasiones, ha establecido como regla general que la acci\u00f3n de tutela es el \u00a0 mecanismo id\u00f3neo para solicitar la protecci\u00f3n de los derechos fundamentales a la \u00a0 salud de los ni\u00f1os, ni\u00f1as y adolescentes, por lo cual, en virtud de su condici\u00f3n \u00a0 de sujetos de especial protecci\u00f3n constitucional y, ante la inexistencia de \u00a0 otros mecanismos ordinarios que ...<br \/><div class=\"pt-cv-rmwrap\"><a href=\"https:\/\/www.dmsjuridica.com\/buscador_20179478954\/corteconstitucionalcronologico202454587\/t-402-18\/\" class=\"_self pt-cv-readmore btn btn-success\" target=\"_self\">Ver Sentencia Completa...<\/a><\/div><\/div><\/div><\/div>\n<div class=\"col-md-12 col-sm-12 col-xs-12 pt-cv-content-item pt-cv-1-col\" ><div class='pt-cv-ifield'><a href=\"https:\/\/www.dmsjuridica.com\/buscador_20179478954\/corteconstitucionalcronologico202454587\/t-401-18\/\" class=\"_self pt-cv-href-thumbnail pt-cv-thumb-default\" target=\"_self\" ><\/a>\n<div class=\"pt-cv-taxoterm above_title\"><a href='https:\/\/www.dmsjuridica.com\/buscador_20179478954\/corteconstitucionalcronologico202454587\/category\/buscar-en-toda-la-corte\/2018\/tutelas-2018\/' title='Tutelas 2018' class='pt-cv-tax-tutelas-2018'>Tutelas 2018<\/a><\/div>\n<h4 class=\"pt-cv-title\"><a href=\"https:\/\/www.dmsjuridica.com\/buscador_20179478954\/corteconstitucionalcronologico202454587\/t-401-18\/\" class=\"_self\" target=\"_self\" >T-401-18<\/a><\/h4>\n<div class=\"pt-cv-content\">\u00a0 \u00a0 \u00a0 \u00a0 \u00a0T-401-18 \u00a0 \u00a0 \u00a0 \u00a0 \u00a0 \u00a0\u00a0 Sentencia T-401\/18 \u00a0 \u00a0 CARENCIA ACTUAL DE OBJETO-Configuraci\u00f3n y caracter\u00edsticas \u00a0 \u00a0 CARENCIA ACTUAL DE OBJETO-Fen\u00f3meno que se configura en los siguientes eventos: hecho superado, da\u00f1o \u00a0 consumado o situaci\u00f3n sobreviniente\u00a0 \u00a0 \u00a0 CARENCIA ACTUAL DE OBJETO POR ACAECIMIENTO DE UNA SITUACION \u00a0 SOBREVINIENTE-Fallecimiento del accionante \u00a0 \u00a0 Expediente \u00a0 T-6.752.569 \u00a0 \u00a0 Acci\u00f3n de tutela \u00a0 presentada por Rafael Emilio Meza L\u00f3pez contra la Administradora Colombiana de \u00a0 Pensiones COLPENSIONES \u00a0 \u00a0 Magistrado \u00a0 Sustanciador: \u00a0 \u00a0 ANTONIO JOS\u00c9 \u00a0 LIZARAZO OCAMPO \u00a0 \u00a0 Bogot\u00e1, D.C., veintis\u00e9is (26) ...<br \/><div class=\"pt-cv-rmwrap\"><a href=\"https:\/\/www.dmsjuridica.com\/buscador_20179478954\/corteconstitucionalcronologico202454587\/t-401-18\/\" class=\"_self pt-cv-readmore btn btn-success\" target=\"_self\">Ver Sentencia Completa...<\/a><\/div><\/div><\/div><\/div>\n<div class=\"col-md-12 col-sm-12 col-xs-12 pt-cv-content-item pt-cv-1-col\" ><div class='pt-cv-ifield'><a href=\"https:\/\/www.dmsjuridica.com\/buscador_20179478954\/corteconstitucionalcronologico202454587\/t-400-18\/\" class=\"_self pt-cv-href-thumbnail pt-cv-thumb-default\" target=\"_self\" ><\/a>\n<div class=\"pt-cv-taxoterm above_title\"><a href='https:\/\/www.dmsjuridica.com\/buscador_20179478954\/corteconstitucionalcronologico202454587\/category\/buscar-en-toda-la-corte\/2018\/tutelas-2018\/' title='Tutelas 2018' class='pt-cv-tax-tutelas-2018'>Tutelas 2018<\/a><\/div>\n<h4 class=\"pt-cv-title\"><a href=\"https:\/\/www.dmsjuridica.com\/buscador_20179478954\/corteconstitucionalcronologico202454587\/t-400-18\/\" class=\"_self\" target=\"_self\" >T-400-18<\/a><\/h4>\n<div class=\"pt-cv-content\">\u00a0 \u00a0 \u00a0 \u00a0 \u00a0T-400-18 \u00a0 \u00a0 \u00a0 \u00a0 \u00a0 \u00a0\u00a0 Sentencia T-400\/18 \u00a0 \u00a0 DERECHO DE PETICION-Caso en que accionante present\u00f3 derechos de \u00a0 petici\u00f3n solicitando la resoluci\u00f3n del caso que se abri\u00f3 en su contra por el \u00a0 delito de estafa \u00a0 \u00a0 DERECHO DE PETICION-Protecci\u00f3n mediante acci\u00f3n de tutela \u00a0 \u00a0 SISTEMA PENAL ACUSATORIO-Fase de indagaci\u00f3n preliminar \u00a0 \u00a0 DERECHO AL DEBIDO PROCESO Y DERECHO DE ACCESO A LA ADMINISTRACION \u00a0 DE JUSTICIA-Principio de celeridad en fase de indagaci\u00f3n preliminar\u00a0 \u00a0 \u00a0 DERECHO AL DEBIDO PROCESO Y DERECHO DE ACCESO A LA ADMINISTRACION \u00a0 DE JUSTICIA-No vulneraci\u00f3n ...<br \/><div class=\"pt-cv-rmwrap\"><a href=\"https:\/\/www.dmsjuridica.com\/buscador_20179478954\/corteconstitucionalcronologico202454587\/t-400-18\/\" class=\"_self pt-cv-readmore btn btn-success\" target=\"_self\">Ver Sentencia Completa...<\/a><\/div><\/div><\/div><\/div>\n<div class=\"col-md-12 col-sm-12 col-xs-12 pt-cv-content-item pt-cv-1-col\" ><div class='pt-cv-ifield'><a href=\"https:\/\/www.dmsjuridica.com\/buscador_20179478954\/corteconstitucionalcronologico202454587\/t-399-18\/\" class=\"_self pt-cv-href-thumbnail pt-cv-thumb-default\" target=\"_self\" ><\/a>\n<div class=\"pt-cv-taxoterm above_title\"><a href='https:\/\/www.dmsjuridica.com\/buscador_20179478954\/corteconstitucionalcronologico202454587\/category\/buscar-en-toda-la-corte\/2018\/tutelas-2018\/' title='Tutelas 2018' class='pt-cv-tax-tutelas-2018'>Tutelas 2018<\/a><\/div>\n<h4 class=\"pt-cv-title\"><a href=\"https:\/\/www.dmsjuridica.com\/buscador_20179478954\/corteconstitucionalcronologico202454587\/t-399-18\/\" class=\"_self\" target=\"_self\" >T-399-18<\/a><\/h4>\n<div class=\"pt-cv-content\">\u00a0 \u00a0 \u00a0 \u00a0 \u00a0T-399-18 \u00a0 \u00a0 \u00a0 \u00a0 \u00a0 \u00a0\u00a0 Sentencia T-399\/18 \u00a0 \u00a0 LEGITIMACION POR ACTIVA EN TUTELA-Persona natural que \u00a0 act\u00faa a trav\u00e9s de apoderado en defensa de sus propios intereses \u00a0 \u00a0 LEGITIMACION POR \u00a0 PASIVA EN TUTELA-Autoridad p\u00fablica \u00a0 \u00a0 PRINCIPIO DE SUBSIDIARIEDAD DE LA \u00a0 ACCION DE TUTELA-Juez debe verificar si ante la existencia de otro \u00a0 medio de defensa judicial, \u00e9ste es eficaz e id\u00f3neo \u00a0 \u00a0 ACCION DE TUTELA CONTRA ACTOS ADMINISTRATIVOS-Reiteraci\u00f3n de \u00a0 jurisprudencia sobre procedencia excepcional\u00a0 \u00a0 \u00a0 ACCION DE TUTELA PARA PROTEGER EL \u00a0 DERECHO A LA SEGURIDAD PERSONAL-Procedencia ...<br \/><div class=\"pt-cv-rmwrap\"><a href=\"https:\/\/www.dmsjuridica.com\/buscador_20179478954\/corteconstitucionalcronologico202454587\/t-399-18\/\" class=\"_self pt-cv-readmore btn btn-success\" target=\"_self\">Ver Sentencia Completa...<\/a><\/div><\/div><\/div><\/div>\n<div class=\"col-md-12 col-sm-12 col-xs-12 pt-cv-content-item pt-cv-1-col\" ><div class='pt-cv-ifield'><a href=\"https:\/\/www.dmsjuridica.com\/buscador_20179478954\/corteconstitucionalcronologico202454587\/t-398-18\/\" class=\"_self pt-cv-href-thumbnail pt-cv-thumb-default\" target=\"_self\" ><\/a>\n<div class=\"pt-cv-taxoterm above_title\"><a href='https:\/\/www.dmsjuridica.com\/buscador_20179478954\/corteconstitucionalcronologico202454587\/category\/buscar-en-toda-la-corte\/2018\/tutelas-2018\/' title='Tutelas 2018' class='pt-cv-tax-tutelas-2018'>Tutelas 2018<\/a><\/div>\n<h4 class=\"pt-cv-title\"><a href=\"https:\/\/www.dmsjuridica.com\/buscador_20179478954\/corteconstitucionalcronologico202454587\/t-398-18\/\" class=\"_self\" target=\"_self\" >T-398-18<\/a><\/h4>\n<div class=\"pt-cv-content\">\u00a0 \u00a0 \u00a0 \u00a0 \u00a0T-398-18 \u00a0 \u00a0 \u00a0 \u00a0 \u00a0 \u00a0\u00a0 Sentencia T-398\/18 \u00a0 \u00a0 ACCION DE \u00a0 TUTELA PARA SOLICITAR PROTECCION DEL DERECHO AL AGUA-Procedencia excepcional \u00a0 \u00a0 La acci\u00f3n de tutela procede para proteger el derecho \u00a0 fundamental al agua potable: (i) cuando se usa para el consumo humano, (ii) por \u00a0 la falta del recurso natural se puedan afectar otros derechos como la vida en \u00a0 condiciones dignas y la salud, aunado a estar en presencia de sujetos de \u00a0 especial protecci\u00f3n constitucional\u00a0y, (iii) si se evidencia que el reclamante ha \u00a0 ejecutado alg\u00fan tipo de actuaci\u00f3n ...<br \/><div class=\"pt-cv-rmwrap\"><a href=\"https:\/\/www.dmsjuridica.com\/buscador_20179478954\/corteconstitucionalcronologico202454587\/t-398-18\/\" class=\"_self pt-cv-readmore btn btn-success\" target=\"_self\">Ver Sentencia Completa...<\/a><\/div><\/div><\/div><\/div>\n<div class=\"col-md-12 col-sm-12 col-xs-12 pt-cv-content-item pt-cv-1-col\" ><div class='pt-cv-ifield'><a href=\"https:\/\/www.dmsjuridica.com\/buscador_20179478954\/corteconstitucionalcronologico202454587\/t-397-18\/\" class=\"_self pt-cv-href-thumbnail pt-cv-thumb-default\" target=\"_self\" ><\/a>\n<div class=\"pt-cv-taxoterm above_title\"><a href='https:\/\/www.dmsjuridica.com\/buscador_20179478954\/corteconstitucionalcronologico202454587\/category\/buscar-en-toda-la-corte\/2018\/tutelas-2018\/' title='Tutelas 2018' class='pt-cv-tax-tutelas-2018'>Tutelas 2018<\/a><\/div>\n<h4 class=\"pt-cv-title\"><a href=\"https:\/\/www.dmsjuridica.com\/buscador_20179478954\/corteconstitucionalcronologico202454587\/t-397-18\/\" class=\"_self\" target=\"_self\" >T-397-18<\/a><\/h4>\n<div class=\"pt-cv-content\">\u00a0 \u00a0 \u00a0 \u00a0 \u00a0T-397-18 \u00a0 \u00a0 \u00a0 \u00a0 \u00a0 \u00a0\u00a0 Sentencia T-397\/18 \u00a0 \u00a0 DERECHO \u00a0 FUNDAMENTAL A LA CONSULTA PREVIA-Fundamentos normativos\u00a0 \u00a0 \u00a0 CONSULTA \u00a0 PREVIA-Derecho fundamental exigible cuando medida legislativa o \u00a0 administrativa afecta directamente un grupo \u00e9tnicamente minoritario \u00a0 \u00a0 CONSULTA \u00a0 PREVIA-Reiteraci\u00f3n de jurisprudencia \u00a0 \u00a0 DERECHO A LA CONSULTA PREVIA DE COMUNIDADES ETNICAS-Protecci\u00f3n constitucional e internacional\u00a0 \u00a0 \u00a0 CONVENIO 169 \u00a0 DE LA OIT Y BLOQUE DE CONSTITUCIONALIDAD-Fundamento del derecho a la consulta previa\u00a0 \u00a0 \u00a0 CONSULTA DE \u00a0 COMUNIDAD INDIGENA-Finalidades \u00a0 \u00a0 La instituci\u00f3n de la consulta a \u00a0 las comunidades ind\u00edgenas que ...<br \/><div class=\"pt-cv-rmwrap\"><a href=\"https:\/\/www.dmsjuridica.com\/buscador_20179478954\/corteconstitucionalcronologico202454587\/t-397-18\/\" class=\"_self pt-cv-readmore btn btn-success\" target=\"_self\">Ver Sentencia Completa...<\/a><\/div><\/div><\/div><\/div>\n<div class=\"col-md-12 col-sm-12 col-xs-12 pt-cv-content-item pt-cv-1-col\" ><div class='pt-cv-ifield'><a href=\"https:\/\/www.dmsjuridica.com\/buscador_20179478954\/corteconstitucionalcronologico202454587\/t-396-18\/\" class=\"_self pt-cv-href-thumbnail pt-cv-thumb-default\" target=\"_self\" ><\/a>\n<div class=\"pt-cv-taxoterm above_title\"><a href='https:\/\/www.dmsjuridica.com\/buscador_20179478954\/corteconstitucionalcronologico202454587\/category\/buscar-en-toda-la-corte\/2018\/tutelas-2018\/' title='Tutelas 2018' class='pt-cv-tax-tutelas-2018'>Tutelas 2018<\/a><\/div>\n<h4 class=\"pt-cv-title\"><a href=\"https:\/\/www.dmsjuridica.com\/buscador_20179478954\/corteconstitucionalcronologico202454587\/t-396-18\/\" class=\"_self\" target=\"_self\" >T-396-18<\/a><\/h4>\n<div class=\"pt-cv-content\">\u00a0 \u00a0 \u00a0 \u00a0 \u00a0T-396-18 \u00a0 \u00a0 \u00a0 \u00a0 \u00a0 \u00a0\u00a0 Sentencia T-396\/18 \u00a0 \u00a0 ACCION DE TUTELA PARA RECONOCIMIENTO DE PENSION DE VEJEZ-Procedencia excepcional cuando se vulneran \u00a0 derechos de las personas de la tercera edad \u00a0 \u00a0 DERECHO A LA SEGURIDAD SOCIAL COMO DERECHO FUNDAMENTAL \u00a0 IRRENUNCIABLE-Reiteraci\u00f3n de \u00a0 jurisprudencia \u00a0 \u00a0 DERECHO A LA SEGURIDAD SOCIAL-Instrumentos internacionales que reconocen su \u00a0 importancia \u00a0 \u00a0 SISTEMA PENSIONAL EN COLOMBIA-Evoluci\u00f3n\u00a0\u00a0 \u00a0 \u00a0 DEBER LEGAL DE APROVISIONAMIENTO-Jurisprudencia constitucional \u00a0 \u00a0 PENSION DE VEJEZ-Obligaci\u00f3n del \u00a0 empleador de realizar aprovisionamiento hacia futuro sobre c\u00e1lculo actuarial por \u00a0 tiempo de servicios \u00a0 ...<br \/><div class=\"pt-cv-rmwrap\"><a href=\"https:\/\/www.dmsjuridica.com\/buscador_20179478954\/corteconstitucionalcronologico202454587\/t-396-18\/\" class=\"_self pt-cv-readmore btn btn-success\" target=\"_self\">Ver Sentencia Completa...<\/a><\/div><\/div><\/div><\/div>\n<div class=\"col-md-12 col-sm-12 col-xs-12 pt-cv-content-item pt-cv-1-col\" ><div class='pt-cv-ifield'><a href=\"https:\/\/www.dmsjuridica.com\/buscador_20179478954\/corteconstitucionalcronologico202454587\/t-395-18\/\" class=\"_self pt-cv-href-thumbnail pt-cv-thumb-default\" target=\"_self\" ><\/a>\n<div class=\"pt-cv-taxoterm above_title\"><a href='https:\/\/www.dmsjuridica.com\/buscador_20179478954\/corteconstitucionalcronologico202454587\/category\/buscar-en-toda-la-corte\/2018\/tutelas-2018\/' title='Tutelas 2018' class='pt-cv-tax-tutelas-2018'>Tutelas 2018<\/a><\/div>\n<h4 class=\"pt-cv-title\"><a href=\"https:\/\/www.dmsjuridica.com\/buscador_20179478954\/corteconstitucionalcronologico202454587\/t-395-18\/\" class=\"_self\" target=\"_self\" >T-395-18<\/a><\/h4>\n<div class=\"pt-cv-content\">\u00a0 \u00a0 \u00a0 \u00a0 \u00a0T-395-18 \u00a0 \u00a0 \u00a0 \u00a0 \u00a0 \u00a0\u00a0 Sentencia \u00a0 T-395\/18 \u00a0 \u00a0 LEGITIMACION POR ACTIVA EN \u00a0 TUTELA-Formas previstas por ordenamiento jur\u00eddico \u00a0 \u00a0 ACCION DE TUTELA CONTRA PARTICULARES-Procedencia excepcional \u00a0 \u00a0 \u00a0\u00a0\u00a0\u00a0\u00a0\u00a0\u00a0\u00a0\u00a0\u00a0\u00a0\u00a0\u00a0\u00a0\u00a0\u00a0\u00a0\u00a0 \u00a0 \u00a0 ACCION DE TUTELA CONTRA PARTICULARES CUANDO EXISTE UNA \u00a0 RELACION DE INDEFENSION O SUBORDINACION-Jurisprudencia \u00a0 constitucional sobre procedencia excepcional \u00a0 \u00a0 SUBORDINACION E INDEFENSION-Diferencias \u00a0 \u00a0 ACCION DE TUTELA CONTRA PARTICULARES-Procedencia \u00a0 en raz\u00f3n de la subordinaci\u00f3n que se halla impl\u00edcita en toda relaci\u00f3n de \u00a0 naturaleza laboral \u00a0 \u00a0 PRINCIPIO DE INMEDIATEZ EN ACCION DE TUTELA-Reglas \u00a0 generales \u00a0 \u00a0 ...<br \/><div class=\"pt-cv-rmwrap\"><a href=\"https:\/\/www.dmsjuridica.com\/buscador_20179478954\/corteconstitucionalcronologico202454587\/t-395-18\/\" class=\"_self pt-cv-readmore btn btn-success\" target=\"_self\">Ver Sentencia Completa...<\/a><\/div><\/div><\/div><\/div>\n<div class=\"col-md-12 col-sm-12 col-xs-12 pt-cv-content-item pt-cv-1-col\" ><div class='pt-cv-ifield'><a href=\"https:\/\/www.dmsjuridica.com\/buscador_20179478954\/corteconstitucionalcronologico202454587\/t-394-18\/\" class=\"_self pt-cv-href-thumbnail pt-cv-thumb-default\" target=\"_self\" ><\/a>\n<div class=\"pt-cv-taxoterm above_title\"><a href='https:\/\/www.dmsjuridica.com\/buscador_20179478954\/corteconstitucionalcronologico202454587\/category\/buscar-en-toda-la-corte\/2018\/tutelas-2018\/' title='Tutelas 2018' class='pt-cv-tax-tutelas-2018'>Tutelas 2018<\/a><\/div>\n<h4 class=\"pt-cv-title\"><a href=\"https:\/\/www.dmsjuridica.com\/buscador_20179478954\/corteconstitucionalcronologico202454587\/t-394-18\/\" class=\"_self\" target=\"_self\" >T-394-18<\/a><\/h4>\n<div class=\"pt-cv-content\">\u00a0 \u00a0 \u00a0 \u00a0 \u00a0T-394-18 \u00a0 \u00a0 \u00a0 \u00a0 \u00a0 \u00a0\u00a0 Sentencia \u00a0 T-394\/18 \u00a0 \u00a0 LEGITIMACION POR ACTIVA EN TUTELA-Persona \u00a0 natural que act\u00faa en defensa de sus propios intereses \u00a0 \u00a0 LEGITIMACION POR PASIVA EN TUTELA-Autoridad \u00a0 p\u00fablica \u00a0 \u00a0 ACCION DE TUTELA PARA PROTEGER LOS DERECHOS DE \u00a0 PETICION Y DE ACCESO A LA ADMINISTRACION DE JUSTICIA EN PROCESO PENAL-Procedencia \u00a0 \u00a0 Se cumple tambi\u00e9n el\u00a0requisito de subsidiariedad, \u00a0 pues no existe otro mecanismo de defensa judicial, mediante el cual el \u00a0 accionante pueda lograr la protecci\u00f3n de las garant\u00edas fundamentales que \u00a0 considera vulneradas por la ...<br \/><div class=\"pt-cv-rmwrap\"><a href=\"https:\/\/www.dmsjuridica.com\/buscador_20179478954\/corteconstitucionalcronologico202454587\/t-394-18\/\" class=\"_self pt-cv-readmore btn btn-success\" target=\"_self\">Ver Sentencia Completa...<\/a><\/div><\/div><\/div><\/div>\n<div class=\"col-md-12 col-sm-12 col-xs-12 pt-cv-content-item pt-cv-1-col\" ><div class='pt-cv-ifield'><a href=\"https:\/\/www.dmsjuridica.com\/buscador_20179478954\/corteconstitucionalcronologico202454587\/t-393-18\/\" class=\"_self pt-cv-href-thumbnail pt-cv-thumb-default\" target=\"_self\" ><\/a>\n<div class=\"pt-cv-taxoterm above_title\"><a href='https:\/\/www.dmsjuridica.com\/buscador_20179478954\/corteconstitucionalcronologico202454587\/category\/buscar-en-toda-la-corte\/2018\/tutelas-2018\/' title='Tutelas 2018' class='pt-cv-tax-tutelas-2018'>Tutelas 2018<\/a><\/div>\n<h4 class=\"pt-cv-title\"><a href=\"https:\/\/www.dmsjuridica.com\/buscador_20179478954\/corteconstitucionalcronologico202454587\/t-393-18\/\" class=\"_self\" target=\"_self\" >T-393-18<\/a><\/h4>\n<div class=\"pt-cv-content\">\u00a0 \u00a0 \u00a0 \u00a0 \u00a0T-393-18 \u00a0 \u00a0 \u00a0 \u00a0 \u00a0 \u00a0\u00a0 \u00a0Sentencia T-393\/18 \u00a0 \u00a0 LEGITIMACION \u00a0 POR ACTIVA EN TUTELA-Persona natural que \u00a0 act\u00faa en defensa de sus propios intereses \u00a0 \u00a0 LEGITIMACION POR PASIVA EN TUTELA-Autoridad p\u00fablica \u00a0 \u00a0 PRINCIPIO DE INMEDIATEZ EN ACCION DE TUTELA-Reglas generales \u00a0 \u00a0 VICTIMAS DEL CONFLICTO ARMADO INTERNO-Procedencia de tutela por ser sujetos de especial protecci\u00f3n \u00a0 constitucional \u00a0 \u00a0 Trat\u00e1ndose \u00a0 espec\u00edficamente de personas v\u00edctimas del conflicto armado interno, ha sostenido \u00a0 la Corte de forma reiterada que el cumplimiento del requisito de subsidiariedad \u00a0 para la interposici\u00f3n de acciones de ...<br \/><div class=\"pt-cv-rmwrap\"><a href=\"https:\/\/www.dmsjuridica.com\/buscador_20179478954\/corteconstitucionalcronologico202454587\/t-393-18\/\" class=\"_self pt-cv-readmore btn btn-success\" target=\"_self\">Ver Sentencia Completa...<\/a><\/div><\/div><\/div><\/div>\n<div class=\"col-md-12 col-sm-12 col-xs-12 pt-cv-content-item pt-cv-1-col\" ><div class='pt-cv-ifield'><a href=\"https:\/\/www.dmsjuridica.com\/buscador_20179478954\/corteconstitucionalcronologico202454587\/t-392-18\/\" class=\"_self pt-cv-href-thumbnail pt-cv-thumb-default\" target=\"_self\" ><\/a>\n<div class=\"pt-cv-taxoterm above_title\"><a href='https:\/\/www.dmsjuridica.com\/buscador_20179478954\/corteconstitucionalcronologico202454587\/category\/buscar-en-toda-la-corte\/2018\/tutelas-2018\/' title='Tutelas 2018' class='pt-cv-tax-tutelas-2018'>Tutelas 2018<\/a><\/div>\n<h4 class=\"pt-cv-title\"><a href=\"https:\/\/www.dmsjuridica.com\/buscador_20179478954\/corteconstitucionalcronologico202454587\/t-392-18\/\" class=\"_self\" target=\"_self\" >T-392-18<\/a><\/h4>\n<div class=\"pt-cv-content\">\u00a0 \u00a0 \u00a0 \u00a0 \u00a0T-392-18 \u00a0 \u00a0 \u00a0 \u00a0 \u00a0 \u00a0\u00a0 Sentencia T-392\/18 \u00a0 \u00a0 ACCION DE TUTELA CONTRA PROVIDENCIAS JUDICIALES-Procedencia \u00a0 excepcional \u00a0 \u00a0 ACCION DE TUTELA CONTRA PROVIDENCIAS JUDICIALES-Requisitos generales \u00a0 y especiales de procedibilidad\u00a0 \u00a0 \u00a0 CARACTERIZACION DEL DEFECTO FACTICO COMO CAUSAL ESPECIFICA DE \u00a0 PROCEDIBILIDAD DE LA ACCION DE TUTELA CONTRA PROVIDENCIAS JUDICIALES \u00a0 \u00a0 DERECHO A LA SUSTITUCION PENSIONAL-Naturaleza y finalidad \u00a0 \u00a0 DERECHO A LA \u00a0 SUSTITUCION PENSIONAL PARA EL CONYUGE SUPERSTITE SEPARADO DE HECHO QUE CONSERVE \u00a0 VIGENTE LA SOCIEDAD CONYUGAL-Jurisprudencia de la Corte Suprema de Justicia\u00a0 \u00a0 \u00a0 DERECHO A \u00a0 LA ...<br \/><div class=\"pt-cv-rmwrap\"><a href=\"https:\/\/www.dmsjuridica.com\/buscador_20179478954\/corteconstitucionalcronologico202454587\/t-392-18\/\" class=\"_self pt-cv-readmore btn btn-success\" target=\"_self\">Ver Sentencia Completa...<\/a><\/div><\/div><\/div><\/div>\n<div class=\"col-md-12 col-sm-12 col-xs-12 pt-cv-content-item pt-cv-1-col\" ><div class='pt-cv-ifield'><a href=\"https:\/\/www.dmsjuridica.com\/buscador_20179478954\/corteconstitucionalcronologico202454587\/t-391-18\/\" class=\"_self pt-cv-href-thumbnail pt-cv-thumb-default\" target=\"_self\" ><\/a>\n<div class=\"pt-cv-taxoterm above_title\"><a href='https:\/\/www.dmsjuridica.com\/buscador_20179478954\/corteconstitucionalcronologico202454587\/category\/buscar-en-toda-la-corte\/2018\/tutelas-2018\/' title='Tutelas 2018' class='pt-cv-tax-tutelas-2018'>Tutelas 2018<\/a><\/div>\n<h4 class=\"pt-cv-title\"><a href=\"https:\/\/www.dmsjuridica.com\/buscador_20179478954\/corteconstitucionalcronologico202454587\/t-391-18\/\" class=\"_self\" target=\"_self\" >T-391-18<\/a><\/h4>\n<div class=\"pt-cv-content\">\u00a0 \u00a0 \u00a0 \u00a0 \u00a0T-391-18 \u00a0 \u00a0 \u00a0 \u00a0 \u00a0 \u00a0\u00a0 Sentencia 391\/18 \u00a0 \u00a0 LEGITIMACION POR ACTIVA EN TUTELA-Persona natural que \u00a0 act\u00faa en defensa de sus propios intereses \u00a0 \u00a0 ACCION DE TUTELA CONTRA PARTICULARES-Procedencia \u00a0 excepcional \u00a0 \u00a0 ACCION DE TUTELA \u00a0 CONTRA PARTICULARES CUANDO EXISTE UNA RELACION DE INDEFENSION O SUBORDINACION-Jurisprudencia \u00a0 constitucional sobre procedencia excepcional \u00a0 \u00a0 ACCION DE TUTELA EN MATERIA DE ESTABILIDAD LABORAL REFORZADA DE MUJER \u00a0 EMBARAZADA-Improcedencia \u00a0 por no acreditar ninguna de las hip\u00f3tesis excepcionales que permiten la \u00a0 protecci\u00f3n y por existir otro medio de defensa \u00a0 \u00a0 \u00a0 Referencia: ...<br \/><div class=\"pt-cv-rmwrap\"><a href=\"https:\/\/www.dmsjuridica.com\/buscador_20179478954\/corteconstitucionalcronologico202454587\/t-391-18\/\" class=\"_self pt-cv-readmore btn btn-success\" target=\"_self\">Ver Sentencia Completa...<\/a><\/div><\/div><\/div><\/div>\n<div class=\"col-md-12 col-sm-12 col-xs-12 pt-cv-content-item pt-cv-1-col\" ><div class='pt-cv-ifield'><a href=\"https:\/\/www.dmsjuridica.com\/buscador_20179478954\/corteconstitucionalcronologico202454587\/t-390-18\/\" class=\"_self pt-cv-href-thumbnail pt-cv-thumb-default\" target=\"_self\" ><\/a>\n<div class=\"pt-cv-taxoterm above_title\"><a href='https:\/\/www.dmsjuridica.com\/buscador_20179478954\/corteconstitucionalcronologico202454587\/category\/buscar-en-toda-la-corte\/2018\/tutelas-2018\/' title='Tutelas 2018' class='pt-cv-tax-tutelas-2018'>Tutelas 2018<\/a><\/div>\n<h4 class=\"pt-cv-title\"><a href=\"https:\/\/www.dmsjuridica.com\/buscador_20179478954\/corteconstitucionalcronologico202454587\/t-390-18\/\" class=\"_self\" target=\"_self\" >T-390-18<\/a><\/h4>\n<div class=\"pt-cv-content\">\u00a0 \u00a0 \u00a0 \u00a0 \u00a0T-390-18 \u00a0 \u00a0 \u00a0 \u00a0 \u00a0 \u00a0\u00a0 Sentencia T-390\/18 \u00a0 \u00a0 PREVENCION Y ATENCION DE DESASTRES-Deberes y competencias de autoridades municipales \u00a0 \u00a0 LEGITIMACION POR ACTIVA DE PERSONERO MUNICIPAL PARA INTERPONER \u00a0 ACCION DE TUTELA \u00a0 \u00a0 LEGITIMACION POR PASIVA EN TUTELA-Autoridades p\u00fablicas \u00a0 \u00a0 PRINCIPIO DE INMEDIATEZ EN ACCION DE TUTELA-Inaplicaci\u00f3n cuando \u00a0 violaci\u00f3n de derechos persiste en el tiempo \u00a0 \u00a0 ACCION DE TUTELA PARA LA PROTECCION DE DERECHOS COLECTIVOS-Improcedencia \u00a0 general\u00a0 \u00a0 \u00a0 ACCION POPULAR-Naturaleza y alcance \u00a0 \u00a0 ACCION DE TUTELA PARA LA PROTECCION DE DERECHOS COLECTIVOS \u00a0 CUANDO EXISTE VULNERACION DE ...<br \/><div class=\"pt-cv-rmwrap\"><a href=\"https:\/\/www.dmsjuridica.com\/buscador_20179478954\/corteconstitucionalcronologico202454587\/t-390-18\/\" class=\"_self pt-cv-readmore btn btn-success\" target=\"_self\">Ver Sentencia Completa...<\/a><\/div><\/div><\/div><\/div>\n<div class=\"col-md-12 col-sm-12 col-xs-12 pt-cv-content-item pt-cv-1-col\" ><div class='pt-cv-ifield'><a href=\"https:\/\/www.dmsjuridica.com\/buscador_20179478954\/corteconstitucionalcronologico202454587\/t-389-18\/\" class=\"_self pt-cv-href-thumbnail pt-cv-thumb-default\" target=\"_self\" ><\/a>\n<div class=\"pt-cv-taxoterm above_title\"><a href='https:\/\/www.dmsjuridica.com\/buscador_20179478954\/corteconstitucionalcronologico202454587\/category\/buscar-en-toda-la-corte\/2018\/tutelas-2018\/' title='Tutelas 2018' class='pt-cv-tax-tutelas-2018'>Tutelas 2018<\/a><\/div>\n<h4 class=\"pt-cv-title\"><a href=\"https:\/\/www.dmsjuridica.com\/buscador_20179478954\/corteconstitucionalcronologico202454587\/t-389-18\/\" class=\"_self\" target=\"_self\" >T-389-18<\/a><\/h4>\n<div class=\"pt-cv-content\">\u00a0 \u00a0 \u00a0 \u00a0 \u00a0T-389-18 \u00a0 \u00a0 \u00a0 \u00a0 \u00a0 \u00a0\u00a0 Sentencia T-389\/18 \u00a0 \u00a0 PROTECCION LABORAL REFORZADA DE \u00a0 MUJER EMBARAZADA Y EN PERIODO DE LACTANCIA-Jurisprudencia constitucional \u00a0 \u00a0 DESPIDO DE MUJER EMBARAZADA SIN \u00a0 AUTORIZACION PREVIA-Ineficacia \u00a0 \u00a0 DERECHO A LA ESTABILIDAD LABORAL \u00a0 REFORZADA, AL MINIMO VITAL Y A LA NO DISCRIMINACION DE MUJER EMBARAZADA-Declarar \u00a0 ineficaz la terminaci\u00f3n del contrato de trabajo oculto bajo el de prestaci\u00f3n de \u00a0 servicios existente entre la accionante y los accionados \u00a0 \u00a0 DERECHO A LA ESTABILIDAD LABORAL \u00a0 REFORZADA, AL MINIMO VITAL Y A LA NO DISCRIMINACION DE MUJER ...<br \/><div class=\"pt-cv-rmwrap\"><a href=\"https:\/\/www.dmsjuridica.com\/buscador_20179478954\/corteconstitucionalcronologico202454587\/t-389-18\/\" class=\"_self pt-cv-readmore btn btn-success\" target=\"_self\">Ver Sentencia Completa...<\/a><\/div><\/div><\/div><\/div>\n<div class=\"col-md-12 col-sm-12 col-xs-12 pt-cv-content-item pt-cv-1-col\" ><div class='pt-cv-ifield'><a href=\"https:\/\/www.dmsjuridica.com\/buscador_20179478954\/corteconstitucionalcronologico202454587\/t-387-18\/\" class=\"_self pt-cv-href-thumbnail pt-cv-thumb-default\" target=\"_self\" ><\/a>\n<div class=\"pt-cv-taxoterm above_title\"><a href='https:\/\/www.dmsjuridica.com\/buscador_20179478954\/corteconstitucionalcronologico202454587\/category\/buscar-en-toda-la-corte\/2018\/tutelas-2018\/' title='Tutelas 2018' class='pt-cv-tax-tutelas-2018'>Tutelas 2018<\/a><\/div>\n<h4 class=\"pt-cv-title\"><a href=\"https:\/\/www.dmsjuridica.com\/buscador_20179478954\/corteconstitucionalcronologico202454587\/t-387-18\/\" class=\"_self\" target=\"_self\" >T-387-18<\/a><\/h4>\n<div class=\"pt-cv-content\">\u00a0 \u00a0 \u00a0 \u00a0 \u00a0T-387-18 \u00a0 \u00a0 \u00a0 \u00a0 \u00a0 \u00a0\u00a0 Sentencia T-387\/18 \u00a0 \u00a0 LEGITIMACION POR ACTIVA EN TUTELA-Formas previstas por ordenamiento jur\u00eddico \u00a0 \u00a0 AGENCIA OFICIOSA EN TUTELA-Reiteraci\u00f3n de jurisprudencia \u00a0 \u00a0 AGENCIA OFICIOSA EN TUTELA-Hermana en representaci\u00f3n de hermano que padece \u00a0 c\u00e1ncer de lengua \u00a0 \u00a0 LEGITIMACION POR PASIVA EN TUTELA-Entidad que se ocupa \u00a0 de prestar el servicio p\u00fablico de salud \u00a0 \u00a0 PRINCIPIO DE INMEDIATEZ EN ACCION DE TUTELA-Reglas generales \u00a0 \u00a0 ACCION DE TUTELA Y REQUISITO DE SUBSIDIARIEDAD-Flexibilidad en caso \u00a0 de sujetos de especial protecci\u00f3n constitucional \u00a0 \u00a0 DERECHO A LA SALUD ...<br \/><div class=\"pt-cv-rmwrap\"><a href=\"https:\/\/www.dmsjuridica.com\/buscador_20179478954\/corteconstitucionalcronologico202454587\/t-387-18\/\" class=\"_self pt-cv-readmore btn btn-success\" target=\"_self\">Ver Sentencia Completa...<\/a><\/div><\/div><\/div><\/div>\n<div class=\"col-md-12 col-sm-12 col-xs-12 pt-cv-content-item pt-cv-1-col\" ><div class='pt-cv-ifield'><a href=\"https:\/\/www.dmsjuridica.com\/buscador_20179478954\/corteconstitucionalcronologico202454587\/t-386-18\/\" class=\"_self pt-cv-href-thumbnail pt-cv-thumb-default\" target=\"_self\" ><\/a>\n<div class=\"pt-cv-taxoterm above_title\"><a href='https:\/\/www.dmsjuridica.com\/buscador_20179478954\/corteconstitucionalcronologico202454587\/category\/buscar-en-toda-la-corte\/2018\/tutelas-2018\/' title='Tutelas 2018' class='pt-cv-tax-tutelas-2018'>Tutelas 2018<\/a><\/div>\n<h4 class=\"pt-cv-title\"><a href=\"https:\/\/www.dmsjuridica.com\/buscador_20179478954\/corteconstitucionalcronologico202454587\/t-386-18\/\" class=\"_self\" target=\"_self\" >T-386-18<\/a><\/h4>\n<div class=\"pt-cv-content\">\u00a0 \u00a0 \u00a0 \u00a0 \u00a0T-386-18 \u00a0 \u00a0 \u00a0 \u00a0 \u00a0 \u00a0\u00a0 Sentencia T-386\/18 \u00a0 \u00a0 ACCION DE TUTELA PARA EL PAGO DE INDEMNIZACION ADMINISTRATIVA PARA \u00a0 VICTIMAS DEL CONFLICTO ARMADO INTERNO-Procedencia excepcional \u00a0 \u00a0 Frente al \u00a0 caso objeto de estudio, este Tribunal considera que la acci\u00f3n de tutela es el \u00a0 mecanismo judicial id\u00f3neo para garantizar el goce efectivo de los derechos \u00a0 fundamentales invocados por la demandante, pues si bien existe otro mecanismo \u00a0 judicial para obtener el pago de la indemnizaci\u00f3n administrativa ya reconocida, \u00a0 en el asunto sometido a decisi\u00f3n, el mismo carece de la entidad ...<br \/><div class=\"pt-cv-rmwrap\"><a href=\"https:\/\/www.dmsjuridica.com\/buscador_20179478954\/corteconstitucionalcronologico202454587\/t-386-18\/\" class=\"_self pt-cv-readmore btn btn-success\" target=\"_self\">Ver Sentencia Completa...<\/a><\/div><\/div><\/div><\/div>\n<div class=\"col-md-12 col-sm-12 col-xs-12 pt-cv-content-item pt-cv-1-col\" ><div class='pt-cv-ifield'><a href=\"https:\/\/www.dmsjuridica.com\/buscador_20179478954\/corteconstitucionalcronologico202454587\/t-385-18\/\" class=\"_self pt-cv-href-thumbnail pt-cv-thumb-default\" target=\"_self\" ><\/a>\n<div class=\"pt-cv-taxoterm above_title\"><a href='https:\/\/www.dmsjuridica.com\/buscador_20179478954\/corteconstitucionalcronologico202454587\/category\/buscar-en-toda-la-corte\/2018\/tutelas-2018\/' title='Tutelas 2018' class='pt-cv-tax-tutelas-2018'>Tutelas 2018<\/a><\/div>\n<h4 class=\"pt-cv-title\"><a href=\"https:\/\/www.dmsjuridica.com\/buscador_20179478954\/corteconstitucionalcronologico202454587\/t-385-18\/\" class=\"_self\" target=\"_self\" >T-385-18<\/a><\/h4>\n<div class=\"pt-cv-content\">\u00a0 \u00a0 \u00a0 \u00a0 \u00a0T-385-18 \u00a0 \u00a0 \u00a0 \u00a0 \u00a0 \u00a0\u00a0 Sentencia T-385\/18 \u00a0 \u00a0 ACCION DE TUTELA CONTRA PROVIDENCIAS JUDICIALES-Requisitos generales \u00a0 y especiales de procedibilidad \u00a0 \u00a0 CARACTERIZACION DEL DEFECTO FACTICO COMO CAUSAL ESPECIFICA DE \u00a0 PROCEDIBILIDAD DE LA ACCION DE TUTELA CONTRA PROVIDENCIAS JUDICIALES \u00a0 \u00a0 DEFECTO PROCEDIMENTAL ABSOLUTO Y DEFECTO PROCEDIMENTAL POR EXCESO \u00a0 RITUAL MANIFIESTO \u00a0 \u00a0 ACCION DE TUTELA CONTRA PROVIDENCIAS \u00a0 JUDICIALES-Procedencia por defecto f\u00e1ctico y procedimental absoluto en proceso \u00a0 penal referente al delito de homicidio \u00a0 \u00a0 La Sala constat\u00f3, por una parte, que las pruebas testimoniales \u00a0 en las que ...<br \/><div class=\"pt-cv-rmwrap\"><a href=\"https:\/\/www.dmsjuridica.com\/buscador_20179478954\/corteconstitucionalcronologico202454587\/t-385-18\/\" class=\"_self pt-cv-readmore btn btn-success\" target=\"_self\">Ver Sentencia Completa...<\/a><\/div><\/div><\/div><\/div>\n<div class=\"col-md-12 col-sm-12 col-xs-12 pt-cv-content-item pt-cv-1-col\" ><div class='pt-cv-ifield'><a href=\"https:\/\/www.dmsjuridica.com\/buscador_20179478954\/corteconstitucionalcronologico202454587\/t-384-18\/\" class=\"_self pt-cv-href-thumbnail pt-cv-thumb-default\" target=\"_self\" ><\/a>\n<div class=\"pt-cv-taxoterm above_title\"><a href='https:\/\/www.dmsjuridica.com\/buscador_20179478954\/corteconstitucionalcronologico202454587\/category\/buscar-en-toda-la-corte\/2018\/tutelas-2018\/' title='Tutelas 2018' class='pt-cv-tax-tutelas-2018'>Tutelas 2018<\/a><\/div>\n<h4 class=\"pt-cv-title\"><a href=\"https:\/\/www.dmsjuridica.com\/buscador_20179478954\/corteconstitucionalcronologico202454587\/t-384-18\/\" class=\"_self\" target=\"_self\" >T-384-18<\/a><\/h4>\n<div class=\"pt-cv-content\">\u00a0 \u00a0 \u00a0 \u00a0 \u00a0T-384-18 \u00a0 \u00a0 \u00a0 \u00a0 \u00a0 \u00a0\u00a0 Sentencia T-384\/18 \u00a0 \u00a0 ACCION DE TUTELA CONTRA PROVIDENCIAS JUDICIALES-Procedencia \u00a0 excepcional \u00a0 \u00a0 ACCION DE TUTELA \u00a0 CONTRA PROVIDENCIAS JUDICIALES-Requisitos generales y especiales de procedibilidad \u00a0 \u00a0 CARACTERIZACION DEL DEFECTO \u00a0 PROCEDIMENTAL ABSOLUTO COMO CAUSAL DE PROCEDIBILIDAD DE LA ACCION DE TUTELA \u00a0 CONTRA PROVIDENCIAS JUDICIALES-Reiteraci\u00f3n de jurisprudencia\u00a0 \u00a0 \u00a0 CARACTERIZACION DEL DEFECTO MATERIAL O \u00a0 SUSTANTIVO COMO CAUSAL DE PROCEDIBILIDAD DE LA ACCION DE TUTELA CONTRA \u00a0 PROVIDENCIAS JUDICIALES-Reiteraci\u00f3n de jurisprudencia \u00a0 \u00a0 CARACTERIZACION DEL DEFECTO FACTICO \u00a0 COMO CAUSAL ESPECIFICA DE PROCEDIBILIDAD DE LA ACCION DE ...<br \/><div class=\"pt-cv-rmwrap\"><a href=\"https:\/\/www.dmsjuridica.com\/buscador_20179478954\/corteconstitucionalcronologico202454587\/t-384-18\/\" class=\"_self pt-cv-readmore btn btn-success\" target=\"_self\">Ver Sentencia Completa...<\/a><\/div><\/div><\/div><\/div>\n<div class=\"col-md-12 col-sm-12 col-xs-12 pt-cv-content-item pt-cv-1-col\" ><div class='pt-cv-ifield'><a href=\"https:\/\/www.dmsjuridica.com\/buscador_20179478954\/corteconstitucionalcronologico202454587\/t-383-18\/\" class=\"_self pt-cv-href-thumbnail pt-cv-thumb-default\" target=\"_self\" ><\/a>\n<div class=\"pt-cv-taxoterm above_title\"><a href='https:\/\/www.dmsjuridica.com\/buscador_20179478954\/corteconstitucionalcronologico202454587\/category\/buscar-en-toda-la-corte\/2018\/tutelas-2018\/' title='Tutelas 2018' class='pt-cv-tax-tutelas-2018'>Tutelas 2018<\/a><\/div>\n<h4 class=\"pt-cv-title\"><a href=\"https:\/\/www.dmsjuridica.com\/buscador_20179478954\/corteconstitucionalcronologico202454587\/t-383-18\/\" class=\"_self\" target=\"_self\" >T-383-18<\/a><\/h4>\n<div class=\"pt-cv-content\">\u00a0 \u00a0 \u00a0 \u00a0 \u00a0T-383-18 \u00a0 \u00a0 \u00a0 \u00a0 \u00a0 \u00a0\u00a0 Sentencia T-383\/18 \u00a0 \u00a0 ACCION DE \u00a0 TUTELA CONTRA ACTO ADMINISTRATIVO-Caso en que se neg\u00f3 \u00a0 reconocimiento de pr\u00e1ctica jur\u00eddica realizada en Unidad de Contrataci\u00f3n de \u00a0 universidad \u00a0 \u00a0 ACCION DE TUTELA CONTRA ACTOS ADMINISTRATIVOS DE CARACTER PARTICULAR Y \u00a0 CONCRETO-Procedencia \u00a0 excepcional \u00a0 \u00a0 EXIGIBILIDAD \u00a0 DE PRACTICA JURIDICA DE LA JUDICATURA COMO REQUISITO PARA ACCEDER A TITULO DE \u00a0 ABOGADO-Jurisprudencia constitucional \u00a0 \u00a0 DERECHO A LA \u00a0 EDUCACION Y A LA LIBERTAD DE ESCOGER PROFESION Y OFICIO-Orden \u00a0 de reconocer pr\u00e1ctica jur\u00eddica realizada por accionante \u00a0 ...<br \/><div class=\"pt-cv-rmwrap\"><a href=\"https:\/\/www.dmsjuridica.com\/buscador_20179478954\/corteconstitucionalcronologico202454587\/t-383-18\/\" class=\"_self pt-cv-readmore btn btn-success\" target=\"_self\">Ver Sentencia Completa...<\/a><\/div><\/div><\/div><\/div>\n<div class=\"col-md-12 col-sm-12 col-xs-12 pt-cv-content-item pt-cv-1-col\" ><div class='pt-cv-ifield'><a href=\"https:\/\/www.dmsjuridica.com\/buscador_20179478954\/corteconstitucionalcronologico202454587\/t-382-18\/\" class=\"_self pt-cv-href-thumbnail pt-cv-thumb-default\" target=\"_self\" ><\/a>\n<div class=\"pt-cv-taxoterm above_title\"><a href='https:\/\/www.dmsjuridica.com\/buscador_20179478954\/corteconstitucionalcronologico202454587\/category\/buscar-en-toda-la-corte\/2018\/tutelas-2018\/' title='Tutelas 2018' class='pt-cv-tax-tutelas-2018'>Tutelas 2018<\/a><\/div>\n<h4 class=\"pt-cv-title\"><a href=\"https:\/\/www.dmsjuridica.com\/buscador_20179478954\/corteconstitucionalcronologico202454587\/t-382-18\/\" class=\"_self\" target=\"_self\" >T-382-18<\/a><\/h4>\n<div class=\"pt-cv-content\">\u00a0 \u00a0 \u00a0 \u00a0 \u00a0T-382-18 \u00a0 \u00a0 \u00a0 \u00a0 \u00a0 \u00a0\u00a0 Sentencia \u00a0 T-382\/18 \u00a0 \u00a0 CARENCIA ACTUAL DE \u00a0 OBJETO-Configuraci\u00f3n y caracter\u00edsticas \u00a0 \u00a0 CARENCIA ACTUAL DE OBJETO POR \u00a0 FALLECIMIENTO DEL TITULAR DEL DERECHO QUE SE RECLAMA-Reiteraci\u00f3n de jurisprudencia \u00a0 \u00a0 CARENCIA ACTUAL DE OBJETO-Fallecimiento de menor \u00a0 \u00a0 LEGITIMACION POR ACTIVA EN TUTELA-Formas previstas por \u00a0 ordenamiento jur\u00eddico \u00a0 \u00a0 LEGITIMACION POR PASIVA EN TUTELA-Requisito de \u00a0 procedibilidad \u00a0 \u00a0 ACCION DE TUTELA CONTRA PARTICULARES-Procedencia excepcional \u00a0 \u00a0 PRINCIPIO DE INMEDIATEZ EN ACCION DE TUTELA-Reglas generales \u00a0 \u00a0 PRINCIPIO DE SUBSIDIARIEDAD DE LA ACCION DE TUTELA-Juez debe ...<br \/><div class=\"pt-cv-rmwrap\"><a href=\"https:\/\/www.dmsjuridica.com\/buscador_20179478954\/corteconstitucionalcronologico202454587\/t-382-18\/\" class=\"_self pt-cv-readmore btn btn-success\" target=\"_self\">Ver Sentencia Completa...<\/a><\/div><\/div><\/div><\/div>\n<div class=\"col-md-12 col-sm-12 col-xs-12 pt-cv-content-item pt-cv-1-col\" ><div class='pt-cv-ifield'><a href=\"https:\/\/www.dmsjuridica.com\/buscador_20179478954\/corteconstitucionalcronologico202454587\/t-381-18\/\" class=\"_self pt-cv-href-thumbnail pt-cv-thumb-default\" target=\"_self\" ><\/a>\n<div class=\"pt-cv-taxoterm above_title\"><a href='https:\/\/www.dmsjuridica.com\/buscador_20179478954\/corteconstitucionalcronologico202454587\/category\/buscar-en-toda-la-corte\/2018\/tutelas-2018\/' title='Tutelas 2018' class='pt-cv-tax-tutelas-2018'>Tutelas 2018<\/a><\/div>\n<h4 class=\"pt-cv-title\"><a href=\"https:\/\/www.dmsjuridica.com\/buscador_20179478954\/corteconstitucionalcronologico202454587\/t-381-18\/\" class=\"_self\" target=\"_self\" >T-381-18<\/a><\/h4>\n<div class=\"pt-cv-content\">\u00a0 \u00a0 \u00a0 \u00a0 \u00a0T-381-18 \u00a0 \u00a0 \u00a0 \u00a0 \u00a0 \u00a0\u00a0 Sentencia T-381\/18 \u00a0 \u00a0 PRINCIPIO DE SUBSIDIARIEDAD E INMEDIATEZ EN LA ACCION DE TUTELA-Requisitos de procedibilidad \u00a0 \u00a0 OMISION LEGISLATIVA-Jurisprudencia \u00a0 constitucional \u00a0 \u00a0 OMISION LEGISLATIVA-Concepto \u00a0 \u00a0 OMISION LEGISLATIVA ABSOLUTA Y RELATIVA-Distinci\u00f3n \u00a0 \u00a0 OMISION LEGISLATIVA RELATIVA-Alcance\/OMISION LEGISLATIVA RELATIVA-Formas \u00a0 \u00a0 ACCION DE INCONSTITUCIONALIDAD POR OMISION \u00a0 LEGISLATIVA RELATIVA-Control jurisdiccional \u00a0 \u00a0 SENTENCIA INTEGRADORA POR OMISION LEGISLATIVA RELATIVA-Declaraci\u00f3n de exequibilidad condicionada \u00a0 \u00a0 DERECHO A LA SALUD DE NI\u00d1OS, NI\u00d1AS Y ADOLESCENTES COMO SUJETOS DE \u00a0 ESPECIAL PROTECCION CONSTITUCIONAL-Reiteraci\u00f3n de jurisprudencia \u00a0 \u00a0 Este Tribunal ha precisado que, ...<br \/><div class=\"pt-cv-rmwrap\"><a href=\"https:\/\/www.dmsjuridica.com\/buscador_20179478954\/corteconstitucionalcronologico202454587\/t-381-18\/\" class=\"_self pt-cv-readmore btn btn-success\" target=\"_self\">Ver Sentencia Completa...<\/a><\/div><\/div><\/div><\/div>\n<div class=\"col-md-12 col-sm-12 col-xs-12 pt-cv-content-item pt-cv-1-col\" ><div class='pt-cv-ifield'><a href=\"https:\/\/www.dmsjuridica.com\/buscador_20179478954\/corteconstitucionalcronologico202454587\/t-380-18\/\" class=\"_self pt-cv-href-thumbnail pt-cv-thumb-default\" target=\"_self\" ><\/a>\n<div class=\"pt-cv-taxoterm above_title\"><a href='https:\/\/www.dmsjuridica.com\/buscador_20179478954\/corteconstitucionalcronologico202454587\/category\/buscar-en-toda-la-corte\/2018\/tutelas-2018\/' title='Tutelas 2018' class='pt-cv-tax-tutelas-2018'>Tutelas 2018<\/a><\/div>\n<h4 class=\"pt-cv-title\"><a href=\"https:\/\/www.dmsjuridica.com\/buscador_20179478954\/corteconstitucionalcronologico202454587\/t-380-18\/\" class=\"_self\" target=\"_self\" >T-380-18<\/a><\/h4>\n<div class=\"pt-cv-content\">\u00a0 \u00a0 \u00a0 \u00a0 \u00a0T-380-18 \u00a0 \u00a0 \u00a0 \u00a0 \u00a0 \u00a0\u00a0 Sentencia T-380\/18 \u00a0 \u00a0 ACCION DE TUTELA CONTRA PROVIDENCIAS JUDICIALES-Procedencia \u00a0 excepcional \u00a0 \u00a0 ACCION DE TUTELA CONTRA PROVIDENCIAS JUDICIALES-Requisitos \u00a0 generales de procedibilidad \u00a0 \u00a0 DEFECTO SUSTANTIVO \u00a0 COMO CAUSAL ESPECIFICA DE PROCEDIBILIDAD DE LA ACCION DE TUTELA CONTRA \u00a0 PROVIDENCIAS JUDICIALES-Reiteraci\u00f3n de jurisprudencia \u00a0 \u00a0 PRECEDENTE JUDICIAL-Definici\u00f3n \u00a0 \u00a0 El precedente judicial\u00a0ha \u00a0 sido definido por el Alto Tribunal Constitucional\u00a0como \u201caquel\u00a0conjunto de \u00a0 sentencias previas\u00a0al caso que se habr\u00e1 de \u00a0 resolver que por su pertinencia para la resoluci\u00f3n de un problema jur\u00eddico \u00a0 constitucional, debe considerar ...<br \/><div class=\"pt-cv-rmwrap\"><a href=\"https:\/\/www.dmsjuridica.com\/buscador_20179478954\/corteconstitucionalcronologico202454587\/t-380-18\/\" class=\"_self pt-cv-readmore btn btn-success\" target=\"_self\">Ver Sentencia Completa...<\/a><\/div><\/div><\/div><\/div>\n<div class=\"col-md-12 col-sm-12 col-xs-12 pt-cv-content-item pt-cv-1-col\" ><div class='pt-cv-ifield'><a href=\"https:\/\/www.dmsjuridica.com\/buscador_20179478954\/corteconstitucionalcronologico202454587\/t-379-18\/\" class=\"_self pt-cv-href-thumbnail pt-cv-thumb-default\" target=\"_self\" ><\/a>\n<div class=\"pt-cv-taxoterm above_title\"><a href='https:\/\/www.dmsjuridica.com\/buscador_20179478954\/corteconstitucionalcronologico202454587\/category\/buscar-en-toda-la-corte\/2018\/tutelas-2018\/' title='Tutelas 2018' class='pt-cv-tax-tutelas-2018'>Tutelas 2018<\/a><\/div>\n<h4 class=\"pt-cv-title\"><a href=\"https:\/\/www.dmsjuridica.com\/buscador_20179478954\/corteconstitucionalcronologico202454587\/t-379-18\/\" class=\"_self\" target=\"_self\" >T-379-18<\/a><\/h4>\n<div class=\"pt-cv-content\">\u00a0 \u00a0 \u00a0 \u00a0 \u00a0T-379-18 \u00a0 \u00a0 \u00a0 \u00a0 \u00a0 \u00a0\u00a0 Sentencia 379\/18 \u00a0 \u00a0 LEGITIMACION POR ACTIVA EN TUTELA-Formas previstas por \u00a0 ordenamiento jur\u00eddico \u00a0 \u00a0 AGENCIA OFICIOSA EN TUTELA-Reiteraci\u00f3n de \u00a0 jurisprudencia \u00a0 \u00a0 AGENCIA OFICIOSA EN \u00a0 CASO DE MENORES DE EDAD-Procedencia y no aplicaci\u00f3n de rigorismo procesal \u00a0 en cuanto a manifestaci\u00f3n de no estar en condiciones de promover su propia \u00a0 defensa \u00a0 \u00a0 AGENCIA OFICIOSA EN TUTELA-Abuela en representaci\u00f3n \u00a0 de nieto \u00a0 \u00a0 LEGITIMACION POR PASIVA EN TUTELA-Requisito de \u00a0 procedibilidad \u00a0 \u00a0 LEGITIMACION POR PASIVA EN TUTELA-Aptitud legal de entidad contra quien ...<br \/><div class=\"pt-cv-rmwrap\"><a href=\"https:\/\/www.dmsjuridica.com\/buscador_20179478954\/corteconstitucionalcronologico202454587\/t-379-18\/\" class=\"_self pt-cv-readmore btn btn-success\" target=\"_self\">Ver Sentencia Completa...<\/a><\/div><\/div><\/div><\/div>\n<div class=\"col-md-12 col-sm-12 col-xs-12 pt-cv-content-item pt-cv-1-col\" ><div class='pt-cv-ifield'><a href=\"https:\/\/www.dmsjuridica.com\/buscador_20179478954\/corteconstitucionalcronologico202454587\/t-378-18\/\" class=\"_self pt-cv-href-thumbnail pt-cv-thumb-default\" target=\"_self\" ><\/a>\n<div class=\"pt-cv-taxoterm above_title\"><a href='https:\/\/www.dmsjuridica.com\/buscador_20179478954\/corteconstitucionalcronologico202454587\/category\/buscar-en-toda-la-corte\/2018\/tutelas-2018\/' title='Tutelas 2018' class='pt-cv-tax-tutelas-2018'>Tutelas 2018<\/a><\/div>\n<h4 class=\"pt-cv-title\"><a href=\"https:\/\/www.dmsjuridica.com\/buscador_20179478954\/corteconstitucionalcronologico202454587\/t-378-18\/\" class=\"_self\" target=\"_self\" >T-378-18<\/a><\/h4>\n<div class=\"pt-cv-content\">\u00a0 \u00a0 \u00a0 \u00a0 \u00a0T-378-18 \u00a0 \u00a0 \u00a0 \u00a0 \u00a0 \u00a0\u00a0 Sentencia T-378\/18 \u00a0 \u00a0 PRINCIPIO DE SUBSIDIARIEDAD DE LA \u00a0 ACCION DE TUTELA-Juez debe verificar si ante la existencia de otro \u00a0 medio de defensa judicial, \u00e9ste es eficaz e id\u00f3neo \u00a0 \u00a0 ACCION DE TUTELA Y REQUISITO DE SUBSIDIARIEDAD-Flexibilidad en caso \u00a0 de sujetos de especial protecci\u00f3n constitucional \u00a0 \u00a0 ACCION DE TUTELA PARA RECLAMAR RETROACTIVO \u00a0 PENSIONAL-Procedencia \u00a0 excepcional \u00a0 \u00a0 ACCION DE TUTELA PARA RECONOCIMIENTO DE \u00a0 PRESTACIONES PENSIONALES-Procedencia excepcional \u00a0 \u00a0 PRINCIPIO DE INMEDIATEZ EN MATERIA PENSIONAL-Aplicaci\u00f3n \u00a0 \u00a0 DERECHO A LA SEGURIDAD SOCIAL-Es un ...<br \/><div class=\"pt-cv-rmwrap\"><a href=\"https:\/\/www.dmsjuridica.com\/buscador_20179478954\/corteconstitucionalcronologico202454587\/t-378-18\/\" class=\"_self pt-cv-readmore btn btn-success\" target=\"_self\">Ver Sentencia Completa...<\/a><\/div><\/div><\/div><\/div>\n<div class=\"col-md-12 col-sm-12 col-xs-12 pt-cv-content-item pt-cv-1-col\" ><div class='pt-cv-ifield'><a href=\"https:\/\/www.dmsjuridica.com\/buscador_20179478954\/corteconstitucionalcronologico202454587\/t-377-18\/\" class=\"_self pt-cv-href-thumbnail pt-cv-thumb-default\" target=\"_self\" ><\/a>\n<div class=\"pt-cv-taxoterm above_title\"><a href='https:\/\/www.dmsjuridica.com\/buscador_20179478954\/corteconstitucionalcronologico202454587\/category\/buscar-en-toda-la-corte\/2018\/tutelas-2018\/' title='Tutelas 2018' class='pt-cv-tax-tutelas-2018'>Tutelas 2018<\/a><\/div>\n<h4 class=\"pt-cv-title\"><a href=\"https:\/\/www.dmsjuridica.com\/buscador_20179478954\/corteconstitucionalcronologico202454587\/t-377-18\/\" class=\"_self\" target=\"_self\" >T-377-18<\/a><\/h4>\n<div class=\"pt-cv-content\">\u00a0 \u00a0 \u00a0 \u00a0 \u00a0T-377-18 \u00a0 \u00a0 \u00a0 \u00a0 \u00a0 \u00a0\u00a0 Sentencia T-377\/18 \u00a0 \u00a0 ACCION DE TUTELA PARA REALIZACION DE PROCEDIMIENTO DE \u00a0 FERTILIZACION IN VITRO-Procedencia excepcional \u00a0 \u00a0 LEGITIMACION POR ACTIVA EN TUTELA-Formas previstas por ordenamiento jur\u00eddico \u00a0 \u00a0 LEGITIMACION POR ACTIVA EN TUTELA-Persona natural que act\u00faa en defensa de sus \u00a0 propios intereses \u00a0 \u00a0 LEGITIMACION POR PASIVA EN TUTELA-Entidad que se ocupa \u00a0 de prestar el servicio p\u00fablico de salud \u00a0 \u00a0 TRATAMIENTOS DE FERTILIDAD-Jurisprudencia constitucional \u00a0 \u00a0 ACCION DE TUTELA Y TRATAMIENTO DE FERTILIDAD-Reiteraci\u00f3n de jurisprudencia sobre su procedencia excepcional en \u00a0 los casos establecidos ...<br \/><div class=\"pt-cv-rmwrap\"><a href=\"https:\/\/www.dmsjuridica.com\/buscador_20179478954\/corteconstitucionalcronologico202454587\/t-377-18\/\" class=\"_self pt-cv-readmore btn btn-success\" target=\"_self\">Ver Sentencia Completa...<\/a><\/div><\/div><\/div><\/div>\n<div class=\"col-md-12 col-sm-12 col-xs-12 pt-cv-content-item pt-cv-1-col\" ><div class='pt-cv-ifield'><a href=\"https:\/\/www.dmsjuridica.com\/buscador_20179478954\/corteconstitucionalcronologico202454587\/t-376-18\/\" class=\"_self pt-cv-href-thumbnail pt-cv-thumb-default\" target=\"_self\" ><\/a>\n<div class=\"pt-cv-taxoterm above_title\"><a href='https:\/\/www.dmsjuridica.com\/buscador_20179478954\/corteconstitucionalcronologico202454587\/category\/buscar-en-toda-la-corte\/2018\/tutelas-2018\/' title='Tutelas 2018' class='pt-cv-tax-tutelas-2018'>Tutelas 2018<\/a><\/div>\n<h4 class=\"pt-cv-title\"><a href=\"https:\/\/www.dmsjuridica.com\/buscador_20179478954\/corteconstitucionalcronologico202454587\/t-376-18\/\" class=\"_self\" target=\"_self\" >T-376-18<\/a><\/h4>\n<div class=\"pt-cv-content\">\u00a0 \u00a0 \u00a0 \u00a0 \u00a0T-376-18 \u00a0 \u00a0 \u00a0 \u00a0 \u00a0 \u00a0\u00a0 Sentencia T-376\/18 \u00a0 \u00a0 ACCION DE TUTELA CONTRA PROVIDENCIAS JUDICIALES-Procedencia \u00a0 excepcional \u00a0 \u00a0 ACCION DE TUTELA CONTRA PROVIDENCIAS JUDICIALES-Requisitos \u00a0 generales y especiales de procedibilidad \u00a0 \u00a0 CARACTERIZACION DEL DEFECTO FACTICO COMO CAUSAL ESPECIFICA DE \u00a0 PROCEDIBILIDAD DE LA ACCION DE TUTELA CONTRA PROVIDENCIAS JUDICIALES \u00a0 \u00a0 DERECHO FUNDAMENTAL A LA SEGURIDAD SOCIAL Y PROTECCION POR MEDIO DE \u00a0 ACCION DE TUTELA-Reiteraci\u00f3n de jurisprudencia \u00a0 \u00a0 DERECHO A LA SEGURIDAD SOCIAL-Es un derecho \u00a0 fundamental y un servicio p\u00fablico cuya prestaci\u00f3n debe asegurar el Estado\u00a0 \u00a0 \u00a0 DERECHO ...<br \/><div class=\"pt-cv-rmwrap\"><a href=\"https:\/\/www.dmsjuridica.com\/buscador_20179478954\/corteconstitucionalcronologico202454587\/t-376-18\/\" class=\"_self pt-cv-readmore btn btn-success\" target=\"_self\">Ver Sentencia Completa...<\/a><\/div><\/div><\/div><\/div>\n<div class=\"col-md-12 col-sm-12 col-xs-12 pt-cv-content-item pt-cv-1-col\" ><div class='pt-cv-ifield'><a href=\"https:\/\/www.dmsjuridica.com\/buscador_20179478954\/corteconstitucionalcronologico202454587\/t-375-18\/\" class=\"_self pt-cv-href-thumbnail pt-cv-thumb-default\" target=\"_self\" ><\/a>\n<div class=\"pt-cv-taxoterm above_title\"><a href='https:\/\/www.dmsjuridica.com\/buscador_20179478954\/corteconstitucionalcronologico202454587\/category\/buscar-en-toda-la-corte\/2018\/tutelas-2018\/' title='Tutelas 2018' class='pt-cv-tax-tutelas-2018'>Tutelas 2018<\/a><\/div>\n<h4 class=\"pt-cv-title\"><a href=\"https:\/\/www.dmsjuridica.com\/buscador_20179478954\/corteconstitucionalcronologico202454587\/t-375-18\/\" class=\"_self\" target=\"_self\" >T-375-18<\/a><\/h4>\n<div class=\"pt-cv-content\">\u00a0 \u00a0 \u00a0 \u00a0 \u00a0T-375-18 \u00a0 \u00a0 \u00a0 \u00a0 \u00a0 \u00a0\u00a0 Sentencia T-375\/18 \u00a0 \u00a0 LEGITIMACION POR ACTIVA EN TUTELA-Persona natural que \u00a0 act\u00faa en defensa de sus propios intereses \u00a0 \u00a0 ACCION DE TUTELA CONTRA PARTICULARES-Procedencia excepcional \u00a0 \u00a0 LEGITIMACION POR PASIVA EN TUTELA-Entidad de car\u00e1cter \u00a0 particular que se ocupa de prestar el servicio p\u00fablico de salud \u00a0 \u00a0 PRINCIPIO DE SUBSIDIARIEDAD DE LA \u00a0 ACCION DE TUTELA-Juez debe verificar si ante la existencia de otro \u00a0 medio de defensa judicial, \u00e9ste es eficaz e id\u00f3neo \u00a0 \u00a0 PRINCIPIO DE \u00a0 SUBSIDIARIEDAD DE LA ACCION DE TUTELA-Procedencia \u00a0 ...<br \/><div class=\"pt-cv-rmwrap\"><a href=\"https:\/\/www.dmsjuridica.com\/buscador_20179478954\/corteconstitucionalcronologico202454587\/t-375-18\/\" class=\"_self pt-cv-readmore btn btn-success\" target=\"_self\">Ver Sentencia Completa...<\/a><\/div><\/div><\/div><\/div>\n<div class=\"col-md-12 col-sm-12 col-xs-12 pt-cv-content-item pt-cv-1-col\" ><div class='pt-cv-ifield'><a href=\"https:\/\/www.dmsjuridica.com\/buscador_20179478954\/corteconstitucionalcronologico202454587\/t-374-18\/\" class=\"_self pt-cv-href-thumbnail pt-cv-thumb-default\" target=\"_self\" ><\/a>\n<div class=\"pt-cv-taxoterm above_title\"><a href='https:\/\/www.dmsjuridica.com\/buscador_20179478954\/corteconstitucionalcronologico202454587\/category\/buscar-en-toda-la-corte\/2018\/tutelas-2018\/' title='Tutelas 2018' class='pt-cv-tax-tutelas-2018'>Tutelas 2018<\/a><\/div>\n<h4 class=\"pt-cv-title\"><a href=\"https:\/\/www.dmsjuridica.com\/buscador_20179478954\/corteconstitucionalcronologico202454587\/t-374-18\/\" class=\"_self\" target=\"_self\" >T-374-18<\/a><\/h4>\n<div class=\"pt-cv-content\">\u00a0 \u00a0 \u00a0 \u00a0 \u00a0T-374-18 \u00a0 \u00a0 \u00a0 \u00a0 \u00a0 \u00a0\u00a0 Sentencia \u00a0 T-374\/18 \u00a0 \u00a0 TEMERIDAD-Configuraci\u00f3n \u00a0 \u00a0 ACCION DE TUTELA TEMERARIA-Para que se configure \u00a0 temeridad debe evidenciarse la mala fe en el actuar del peticionario \u00a0 \u00a0 TEMERIDAD-Inexistencia para el caso \u00a0 \u00a0 LEGITIMACION POR ACTIVA EN TUTELA-Formas previstas por \u00a0 ordenamiento jur\u00eddico \u00a0 \u00a0 LEGITIMACION POR ACTIVA EN TUTELA-Persona natural en representaci\u00f3n de \u00a0 sus padres y su entorno familiar, conformado por su esposa y sus hijos e \u00a0 hijastros menores de edad \u00a0 \u00a0 ACCION DE TUTELA CONTRA PARTICULARES-Procedencia \u00a0 excepcional \u00a0 \u00a0 LEGITIMACION POR ...<br \/><div class=\"pt-cv-rmwrap\"><a href=\"https:\/\/www.dmsjuridica.com\/buscador_20179478954\/corteconstitucionalcronologico202454587\/t-374-18\/\" class=\"_self pt-cv-readmore btn btn-success\" target=\"_self\">Ver Sentencia Completa...<\/a><\/div><\/div><\/div><\/div>\n<div class=\"col-md-12 col-sm-12 col-xs-12 pt-cv-content-item pt-cv-1-col\" ><div class='pt-cv-ifield'><a href=\"https:\/\/www.dmsjuridica.com\/buscador_20179478954\/corteconstitucionalcronologico202454587\/t-373-18\/\" class=\"_self pt-cv-href-thumbnail pt-cv-thumb-default\" target=\"_self\" ><\/a>\n<div class=\"pt-cv-taxoterm above_title\"><a href='https:\/\/www.dmsjuridica.com\/buscador_20179478954\/corteconstitucionalcronologico202454587\/category\/buscar-en-toda-la-corte\/2018\/tutelas-2018\/' title='Tutelas 2018' class='pt-cv-tax-tutelas-2018'>Tutelas 2018<\/a><\/div>\n<h4 class=\"pt-cv-title\"><a href=\"https:\/\/www.dmsjuridica.com\/buscador_20179478954\/corteconstitucionalcronologico202454587\/t-373-18\/\" class=\"_self\" target=\"_self\" >T-373-18<\/a><\/h4>\n<div class=\"pt-cv-content\">\u00a0 \u00a0 \u00a0 \u00a0 \u00a0T-373-18 \u00a0 \u00a0 \u00a0 \u00a0 \u00a0 \u00a0\u00a0 Sentencia T-373\/18 \u00a0 \u00a0 ACCION DE \u00a0 TUTELA CONTRA ACTO ADMINISTRATIVO DE DESVINCULACION DE LAS FUERZAS MILITARES-Procedencia excepcional \u00a0 \u00a0 Con relaci\u00f3n a los miembros \u00a0 de las fuerzas militares que solicitan el amparo de sus derechos, presuntamente \u00a0 vulnerados por el acto mediante el cual se les desvincula de la instituci\u00f3n por \u00a0 disminuci\u00f3n de su capacidad psicof\u00edsica, esta Corporaci\u00f3n se ha pronunciado en \u00a0 varias ocasiones y ha considerado que en estos eventos la acci\u00f3n de tutela es \u00a0 procedente, en la medida que se trata de ...<br \/><div class=\"pt-cv-rmwrap\"><a href=\"https:\/\/www.dmsjuridica.com\/buscador_20179478954\/corteconstitucionalcronologico202454587\/t-373-18\/\" class=\"_self pt-cv-readmore btn btn-success\" target=\"_self\">Ver Sentencia Completa...<\/a><\/div><\/div><\/div><\/div>\n<div class=\"col-md-12 col-sm-12 col-xs-12 pt-cv-content-item pt-cv-1-col\" ><div class='pt-cv-ifield'><a href=\"https:\/\/www.dmsjuridica.com\/buscador_20179478954\/corteconstitucionalcronologico202454587\/t-372-18\/\" class=\"_self pt-cv-href-thumbnail pt-cv-thumb-default\" target=\"_self\" ><\/a>\n<div class=\"pt-cv-taxoterm above_title\"><a href='https:\/\/www.dmsjuridica.com\/buscador_20179478954\/corteconstitucionalcronologico202454587\/category\/buscar-en-toda-la-corte\/2018\/tutelas-2018\/' title='Tutelas 2018' class='pt-cv-tax-tutelas-2018'>Tutelas 2018<\/a><\/div>\n<h4 class=\"pt-cv-title\"><a href=\"https:\/\/www.dmsjuridica.com\/buscador_20179478954\/corteconstitucionalcronologico202454587\/t-372-18\/\" class=\"_self\" target=\"_self\" >T-372-18<\/a><\/h4>\n<div class=\"pt-cv-content\">\u00a0 \u00a0 \u00a0 \u00a0 \u00a0T-372-18 \u00a0 \u00a0 \u00a0 \u00a0 \u00a0 \u00a0\u00a0 Sentencia \u00a0 T-372\/180 \u00a0 \u00a0 DERECHO A LA REUBICACION DE SOLDADOS PROFESIONALES CON DISMINUCION DE LA \u00a0 CAPACIDAD LABORAL INFERIOR AL 50% \u00a0 \u00a0 DERECHO A LA ESTABILIDAD LABORAL \u00a0 REFORZADA DE PERSONA EN CONDICION DE DISCAPACIDAD O DISMINUCION FISICA-Protecci\u00f3n \u00a0 constitucional \u00a0 \u00a0 ESTABILIDAD LABORAL REFORZADA DE \u00a0 PERSONA EN SITUACION DE DISCAPACIDAD EN EL DERECHO INTERNACIONAL \u00a0 \u00a0 DERECHO A LA ESTABILIDAD LABORAL \u00a0 REFORZADA DE TRABAJADOR EN CONDICIONES DE DEBILIDAD MANIFIESTA O INDEFENSION Y \u00a0 DERECHO A LA REUBICACION LABORAL-Reiteraci\u00f3n de jurisprudencia \u00a0 \u00a0 Este Tribunal ...<br \/><div class=\"pt-cv-rmwrap\"><a href=\"https:\/\/www.dmsjuridica.com\/buscador_20179478954\/corteconstitucionalcronologico202454587\/t-372-18\/\" class=\"_self pt-cv-readmore btn btn-success\" target=\"_self\">Ver Sentencia Completa...<\/a><\/div><\/div><\/div><\/div>\n<div class=\"col-md-12 col-sm-12 col-xs-12 pt-cv-content-item pt-cv-1-col\" ><div class='pt-cv-ifield'><a href=\"https:\/\/www.dmsjuridica.com\/buscador_20179478954\/corteconstitucionalcronologico202454587\/t-371-18\/\" class=\"_self pt-cv-href-thumbnail pt-cv-thumb-default\" target=\"_self\" ><\/a>\n<div class=\"pt-cv-taxoterm above_title\"><a href='https:\/\/www.dmsjuridica.com\/buscador_20179478954\/corteconstitucionalcronologico202454587\/category\/buscar-en-toda-la-corte\/2018\/tutelas-2018\/' title='Tutelas 2018' class='pt-cv-tax-tutelas-2018'>Tutelas 2018<\/a><\/div>\n<h4 class=\"pt-cv-title\"><a href=\"https:\/\/www.dmsjuridica.com\/buscador_20179478954\/corteconstitucionalcronologico202454587\/t-371-18\/\" class=\"_self\" target=\"_self\" >T-371-18<\/a><\/h4>\n<div class=\"pt-cv-content\">\u00a0 \u00a0 \u00a0 \u00a0 \u00a0T-371-18 \u00a0 \u00a0 \u00a0 \u00a0 \u00a0 \u00a0\u00a0 Sentencia T-371\/18 \u00a0 \u00a0 ACCION DE TUTELA PARA RECLAMAR \u00a0 EL RECONOCIMIENTO Y PAGO DE DERECHOS PENSIONALES-Procedencia \u00a0 excepcional \u00a0 \u00a0 DERECHO A LA SEGURIDAD SOCIAL-Es \u00a0 un derecho fundamental y un servicio p\u00fablico cuya prestaci\u00f3n debe asegurar el \u00a0 Estado\u00a0 \u00a0 \u00a0 DERECHO FUNDAMENTAL A LA \u00a0 SEGURIDAD SOCIAL-Concepto, \u00a0 naturaleza y protecci\u00f3n constitucional \u00a0 \u00a0 DERECHO A LA SEGURIDAD SOCIAL-Instrumentos \u00a0 internacionales que reconocen su importancia \u00a0 \u00a0 PENSION DE \u00a0 INVALIDEZ-Naturaleza jur\u00eddica\/PENSION DE INVALIDEZ-Finalidad \u00a0 \u00a0 PENSION DE INVALIDEZ DE ORIGEN PROFESIONAL-R\u00e9gimen legal \u00a0 \u00a0 REVISION ...<br \/><div class=\"pt-cv-rmwrap\"><a href=\"https:\/\/www.dmsjuridica.com\/buscador_20179478954\/corteconstitucionalcronologico202454587\/t-371-18\/\" class=\"_self pt-cv-readmore btn btn-success\" target=\"_self\">Ver Sentencia Completa...<\/a><\/div><\/div><\/div><\/div>\n<div class=\"col-md-12 col-sm-12 col-xs-12 pt-cv-content-item pt-cv-1-col\" ><div class='pt-cv-ifield'><a href=\"https:\/\/www.dmsjuridica.com\/buscador_20179478954\/corteconstitucionalcronologico202454587\/t-370-18\/\" class=\"_self pt-cv-href-thumbnail pt-cv-thumb-default\" target=\"_self\" ><\/a>\n<div class=\"pt-cv-taxoterm above_title\"><a href='https:\/\/www.dmsjuridica.com\/buscador_20179478954\/corteconstitucionalcronologico202454587\/category\/buscar-en-toda-la-corte\/2018\/tutelas-2018\/' title='Tutelas 2018' class='pt-cv-tax-tutelas-2018'>Tutelas 2018<\/a><\/div>\n<h4 class=\"pt-cv-title\"><a href=\"https:\/\/www.dmsjuridica.com\/buscador_20179478954\/corteconstitucionalcronologico202454587\/t-370-18\/\" class=\"_self\" target=\"_self\" >T-370-18<\/a><\/h4>\n<div class=\"pt-cv-content\">\u00a0 \u00a0 \u00a0 \u00a0 \u00a0T-370-18 \u00a0 \u00a0 \u00a0 \u00a0 \u00a0 \u00a0\u00a0 Sentencia T-370\/18 \u00a0 \u00a0 ACCION DE TUTELA PARA RECLAMAR EL RECONOCIMIENTO Y PAGO DE DERECHOS \u00a0 PENSIONALES-Procedencia \u00a0 excepcional \u00a0 \u00a0 PENSION DE SOBREVIVIENTES Y REQUISITO DE \u00a0 SUBSIDIARIEDAD-Reiteraci\u00f3n de \u00a0 jurisprudencia \u00a0 \u00a0 ACCION DE TUTELA CONTRA PROVIDENCIAS JUDICIALES-Procedencia excepcional \u00a0 \u00a0 ACCION DE TUTELA CONTRA PROVIDENCIAS JUDICIALES-Requisitos generales y especiales de procedibilidad\u00a0 \u00a0 \u00a0 PENSION DE SOBREVIVIENTES-Finalidad\u00a0 \u00a0 \u00a0 La jurisprudencia \u00a0 constitucional ha definido la pensi\u00f3n de sobrevivientes como una prestaci\u00f3n cuyo \u00a0 prop\u00f3sito esencial es \u201cla protecci\u00f3n \u00a0 de la familia como n\u00facleo fundamental de ...<br \/><div class=\"pt-cv-rmwrap\"><a href=\"https:\/\/www.dmsjuridica.com\/buscador_20179478954\/corteconstitucionalcronologico202454587\/t-370-18\/\" class=\"_self pt-cv-readmore btn btn-success\" target=\"_self\">Ver Sentencia Completa...<\/a><\/div><\/div><\/div><\/div>\n<div class=\"col-md-12 col-sm-12 col-xs-12 pt-cv-content-item pt-cv-1-col\" ><div class='pt-cv-ifield'><a href=\"https:\/\/www.dmsjuridica.com\/buscador_20179478954\/corteconstitucionalcronologico202454587\/t-369-18\/\" class=\"_self pt-cv-href-thumbnail pt-cv-thumb-default\" target=\"_self\" ><\/a>\n<div class=\"pt-cv-taxoterm above_title\"><a href='https:\/\/www.dmsjuridica.com\/buscador_20179478954\/corteconstitucionalcronologico202454587\/category\/buscar-en-toda-la-corte\/2018\/tutelas-2018\/' title='Tutelas 2018' class='pt-cv-tax-tutelas-2018'>Tutelas 2018<\/a><\/div>\n<h4 class=\"pt-cv-title\"><a href=\"https:\/\/www.dmsjuridica.com\/buscador_20179478954\/corteconstitucionalcronologico202454587\/t-369-18\/\" class=\"_self\" target=\"_self\" >T-369-18<\/a><\/h4>\n<div class=\"pt-cv-content\">\u00a0 \u00a0 \u00a0 \u00a0 \u00a0T-369-18 \u00a0 \u00a0 \u00a0 \u00a0 \u00a0 \u00a0\u00a0 Sentencia T-369\/18 \u00a0 \u00a0 REVOCATORIA DEL MANDATO-Derecho pol\u00edtico fundamental \u00a0 \u00a0 DERECHOS POLITICOS-Naturaleza fundamental \u00a0 \u00a0 La sentencia T-117 de \u00a0 2016 se\u00f1al\u00f3 que \u201cColombia \u00a0 como Estado Social de derecho, organizado\u00a0como rep\u00fablica democr\u00e1tica, participativa y pluralista, consagr\u00f3 \u00a0 los derechos pol\u00edticos como derechos fundamentales que permiten a toda la \u00a0 ciudadan\u00eda participar en la conformaci\u00f3n, ejercicio y control del poder \u00a0 pol\u00edtico. Tales principios se materializan mediante los diferentes mecanismos \u00a0 previstos en la ley y en la Constituci\u00f3n.\u201d. \u00a0 \u00a0 MECANISMOS DE PARTICIPACION CIUDADANA-Plebiscito, referendo, consulta popular, ...<br \/><div class=\"pt-cv-rmwrap\"><a href=\"https:\/\/www.dmsjuridica.com\/buscador_20179478954\/corteconstitucionalcronologico202454587\/t-369-18\/\" class=\"_self pt-cv-readmore btn btn-success\" target=\"_self\">Ver Sentencia Completa...<\/a><\/div><\/div><\/div><\/div>\n<div class=\"col-md-12 col-sm-12 col-xs-12 pt-cv-content-item pt-cv-1-col\" ><div class='pt-cv-ifield'><a href=\"https:\/\/www.dmsjuridica.com\/buscador_20179478954\/corteconstitucionalcronologico202454587\/t-368-18\/\" class=\"_self pt-cv-href-thumbnail pt-cv-thumb-default\" target=\"_self\" ><\/a>\n<div class=\"pt-cv-taxoterm above_title\"><a href='https:\/\/www.dmsjuridica.com\/buscador_20179478954\/corteconstitucionalcronologico202454587\/category\/buscar-en-toda-la-corte\/2018\/tutelas-2018\/' title='Tutelas 2018' class='pt-cv-tax-tutelas-2018'>Tutelas 2018<\/a><\/div>\n<h4 class=\"pt-cv-title\"><a href=\"https:\/\/www.dmsjuridica.com\/buscador_20179478954\/corteconstitucionalcronologico202454587\/t-368-18\/\" class=\"_self\" target=\"_self\" >T-368-18<\/a><\/h4>\n<div class=\"pt-cv-content\">\u00a0 \u00a0 \u00a0 \u00a0 \u00a0T-368-18 \u00a0 \u00a0 \u00a0 \u00a0 \u00a0 \u00a0\u00a0 Sentencia \u00a0 T-368\/18 \u00a0 \u00a0 ACCION DE \u00a0 TUTELA CONTRA PROVIDENCIAS JUDICIALES-Reiteraci\u00f3n de jurisprudencia sobre procedencia excepcional\u00a0 \u00a0 \u00a0 ACCION DE \u00a0 TUTELA CONTRA PROVIDENCIAS JUDICIALES-Requisitos generales y especiales de procedibilidad \u00a0 \u00a0 ABUSO DEL DERECHO-Elementos que lo configuran \u00a0 \u00a0 ACCION DE TUTELA PARA CONTROVERTIR DECISIONES JUDICIALES QUE HAN \u00a0 RECONOCIDO Y RELIQUIDADO PENSIONES CON PALMARIO ABUSO DEL DERECHO-Procedencia \u00a0 excepcional \u00a0 \u00a0 PRINCIPIO DE SUBSIDIARIEDAD EN LAS ACCIONES DE TUTELA INTERPUESTAS POR \u00a0 LOS FONDOS DE PENSIONES-Reglas \u00a0 \u00a0 Se han reiterado \u00a0 unas reglas para el ...<br \/><div class=\"pt-cv-rmwrap\"><a href=\"https:\/\/www.dmsjuridica.com\/buscador_20179478954\/corteconstitucionalcronologico202454587\/t-368-18\/\" class=\"_self pt-cv-readmore btn btn-success\" target=\"_self\">Ver Sentencia Completa...<\/a><\/div><\/div><\/div><\/div>\n<div class=\"col-md-12 col-sm-12 col-xs-12 pt-cv-content-item pt-cv-1-col\" ><div class='pt-cv-ifield'><a href=\"https:\/\/www.dmsjuridica.com\/buscador_20179478954\/corteconstitucionalcronologico202454587\/t-367-18\/\" class=\"_self pt-cv-href-thumbnail pt-cv-thumb-default\" target=\"_self\" ><\/a>\n<div class=\"pt-cv-taxoterm above_title\"><a href='https:\/\/www.dmsjuridica.com\/buscador_20179478954\/corteconstitucionalcronologico202454587\/category\/buscar-en-toda-la-corte\/2018\/tutelas-2018\/' title='Tutelas 2018' class='pt-cv-tax-tutelas-2018'>Tutelas 2018<\/a><\/div>\n<h4 class=\"pt-cv-title\"><a href=\"https:\/\/www.dmsjuridica.com\/buscador_20179478954\/corteconstitucionalcronologico202454587\/t-367-18\/\" class=\"_self\" target=\"_self\" >T-367-18<\/a><\/h4>\n<div class=\"pt-cv-content\">\u00a0 \u00a0 \u00a0 \u00a0 \u00a0T-367-18 \u00a0 \u00a0 \u00a0 \u00a0 \u00a0 \u00a0\u00a0 Sentencia \u00a0 T-367\/18 \u00a0 \u00a0 ACCION DE TUTELA CONTRA PROVIDENCIAS JUDICIALES-Procedencia \u00a0 excepcional \u00a0 \u00a0 ACCION DE TUTELA CONTRA PROVIDENCIAS JUDICIALES-Requisitos generales \u00a0 y especiales de procedibilidad\u00a0 \u00a0 \u00a0 DEFECTO SUSTANTIVO COMO CAUSAL ESPECIFICA DE PROCEDIBILIDAD DE LA \u00a0 ACCION DE TUTELA CONTRA PROVIDENCIAS JUDICIALES-Reiteraci\u00f3n de jurisprudencia \u00a0 \u00a0 DEFECTO PROCEDIMENTAL ABSOLUTO Y DEFECTO PROCEDIMENTAL POR EXCESO \u00a0 RITUAL MANIFIESTO \u00a0 \u00a0 ACCION DE TUTELA CONTRA PROVIDENCIAS JUDICIALES EN PROCESO \u00a0 REIVINDICATORIO-Improcedencia \u00a0 por no incurrir en defectos sustantivo y procedimental absoluto en proceso \u00a0 reivindicatorio \u00a0 \u00a0 Referencia: ...<br \/><div class=\"pt-cv-rmwrap\"><a href=\"https:\/\/www.dmsjuridica.com\/buscador_20179478954\/corteconstitucionalcronologico202454587\/t-367-18\/\" class=\"_self pt-cv-readmore btn btn-success\" target=\"_self\">Ver Sentencia Completa...<\/a><\/div><\/div><\/div><\/div>\n<div class=\"col-md-12 col-sm-12 col-xs-12 pt-cv-content-item pt-cv-1-col\" ><div class='pt-cv-ifield'><a href=\"https:\/\/www.dmsjuridica.com\/buscador_20179478954\/corteconstitucionalcronologico202454587\/t-366-18\/\" class=\"_self pt-cv-href-thumbnail pt-cv-thumb-default\" target=\"_self\" ><\/a>\n<div class=\"pt-cv-taxoterm above_title\"><a href='https:\/\/www.dmsjuridica.com\/buscador_20179478954\/corteconstitucionalcronologico202454587\/category\/buscar-en-toda-la-corte\/2018\/tutelas-2018\/' title='Tutelas 2018' class='pt-cv-tax-tutelas-2018'>Tutelas 2018<\/a><\/div>\n<h4 class=\"pt-cv-title\"><a href=\"https:\/\/www.dmsjuridica.com\/buscador_20179478954\/corteconstitucionalcronologico202454587\/t-366-18\/\" class=\"_self\" target=\"_self\" >T-366-18<\/a><\/h4>\n<div class=\"pt-cv-content\">\u00a0 \u00a0 \u00a0 \u00a0 \u00a0T-366-18 \u00a0 \u00a0 \u00a0 \u00a0 \u00a0 \u00a0\u00a0 Sentencia T-366\/18 \u00a0 \u00a0 DERECHO AL DEBIDO PROCESO Y A LA REPARACION INTEGRAL DE LAS \u00a0 VICTIMAS DEL CONFLICTO ARMADO INTERNO-Caso \u00a0 en que se neg\u00f3 indemnizaci\u00f3n por incapacidad permanente a v\u00edctima de explosi\u00f3n \u00a0 de mina antipersonal \u00a0 \u00a0 VICTIMAS DEL CONFLICTO ARMADO INTERNO-Procedencia \u00a0 de tutela por ser sujetos de especial protecci\u00f3n constitucional \u00a0 \u00a0 En materia de protecci\u00f3n de los derechos \u00a0 fundamentales de las v\u00edctimas del conflicto armado en condici\u00f3n de discapacidad, \u00a0 la jurisprudencia constitucional ha considerado, de manera reiterada y uniforme, \u00a0 que ...<br \/><div class=\"pt-cv-rmwrap\"><a href=\"https:\/\/www.dmsjuridica.com\/buscador_20179478954\/corteconstitucionalcronologico202454587\/t-366-18\/\" class=\"_self pt-cv-readmore btn btn-success\" target=\"_self\">Ver Sentencia Completa...<\/a><\/div><\/div><\/div><\/div>\n<div class=\"col-md-12 col-sm-12 col-xs-12 pt-cv-content-item pt-cv-1-col\" ><div class='pt-cv-ifield'><a href=\"https:\/\/www.dmsjuridica.com\/buscador_20179478954\/corteconstitucionalcronologico202454587\/t-365-18\/\" class=\"_self pt-cv-href-thumbnail pt-cv-thumb-default\" target=\"_self\" ><\/a>\n<div class=\"pt-cv-taxoterm above_title\"><a href='https:\/\/www.dmsjuridica.com\/buscador_20179478954\/corteconstitucionalcronologico202454587\/category\/buscar-en-toda-la-corte\/2018\/tutelas-2018\/' title='Tutelas 2018' class='pt-cv-tax-tutelas-2018'>Tutelas 2018<\/a><\/div>\n<h4 class=\"pt-cv-title\"><a href=\"https:\/\/www.dmsjuridica.com\/buscador_20179478954\/corteconstitucionalcronologico202454587\/t-365-18\/\" class=\"_self\" target=\"_self\" >T-365-18<\/a><\/h4>\n<div class=\"pt-cv-content\">\u00a0 \u00a0 \u00a0 \u00a0 \u00a0T-365-18 \u00a0 \u00a0 \u00a0 \u00a0 \u00a0 \u00a0\u00a0 Sentencia T-365\/18 \u00a0 \u00a0 ACCION DE TUTELA CONTRA DECISIONES DE \u00a0 AUTORIDADES DE COMUNIDADES INDIGENAS-Procedencia \u00a0 \u00a0 AUTONOMIA DE LA JURISDICCION ESPECIAL INDIGENA-Jurisprudencia constitucional \u00a0 \u00a0 Una de las expresiones de la diversidad y el pluralismo protegidos por el Constituyente \u00a0 es la autonom\u00eda de la jurisdicci\u00f3n especial ind\u00edgena, la cual se constituye, de \u00a0 un lado, en la facultad de las autoridades tradicionales de impartir justicia \u00a0 conforme a sus usos y costumbres, y de otro, en el \u00a0 derecho de los integrantes de estas comunidades a ser ...<br \/><div class=\"pt-cv-rmwrap\"><a href=\"https:\/\/www.dmsjuridica.com\/buscador_20179478954\/corteconstitucionalcronologico202454587\/t-365-18\/\" class=\"_self pt-cv-readmore btn btn-success\" target=\"_self\">Ver Sentencia Completa...<\/a><\/div><\/div><\/div><\/div>\n<div class=\"col-md-12 col-sm-12 col-xs-12 pt-cv-content-item pt-cv-1-col\" ><div class='pt-cv-ifield'><a href=\"https:\/\/www.dmsjuridica.com\/buscador_20179478954\/corteconstitucionalcronologico202454587\/t-364-18\/\" class=\"_self pt-cv-href-thumbnail pt-cv-thumb-default\" target=\"_self\" ><\/a>\n<div class=\"pt-cv-taxoterm above_title\"><a href='https:\/\/www.dmsjuridica.com\/buscador_20179478954\/corteconstitucionalcronologico202454587\/category\/buscar-en-toda-la-corte\/2018\/tutelas-2018\/' title='Tutelas 2018' class='pt-cv-tax-tutelas-2018'>Tutelas 2018<\/a><\/div>\n<h4 class=\"pt-cv-title\"><a href=\"https:\/\/www.dmsjuridica.com\/buscador_20179478954\/corteconstitucionalcronologico202454587\/t-364-18\/\" class=\"_self\" target=\"_self\" >T-364-18<\/a><\/h4>\n<div class=\"pt-cv-content\">\u00a0 \u00a0 \u00a0 \u00a0 \u00a0T-364-18 \u00a0 \u00a0 \u00a0 \u00a0 \u00a0 \u00a0\u00a0 Sentencia T-364\/18 \u00a0 \u00a0 DERECHO A LA \u00a0 INTIMIDAD-Caso en que accionantes fueron sancionados y expulsados de \u00a0 escuela militar por la realizaci\u00f3n de actos sexuales al interior de la \u00a0 instituci\u00f3n \u00a0 \u00a0 DERECHO A LA \u00a0 INTIMIDAD-Protecci\u00f3n constitucional \u00a0 \u00a0 DERECHO A LA \u00a0 INTIMIDAD-Concepto y alcance \u00a0 \u00a0 DERECHO A LA \u00a0 INTIMIDAD-Caracter\u00edsticas generales \u00a0 \u00a0 DERECHO A LA \u00a0 INTIMIDAD-Jurisprudencia constitucional \u00a0 \u00a0 DOMICILIO-Definici\u00f3n\/DOMICILIO-Inviolabilidad \u00a0 \u00a0 Esta Corporaci\u00f3n ha precisado \u00a0 que \u2018por inviolabilidad de domicilio se entiende en general el respeto a la casa ...<br \/><div class=\"pt-cv-rmwrap\"><a href=\"https:\/\/www.dmsjuridica.com\/buscador_20179478954\/corteconstitucionalcronologico202454587\/t-364-18\/\" class=\"_self pt-cv-readmore btn btn-success\" target=\"_self\">Ver Sentencia Completa...<\/a><\/div><\/div><\/div><\/div>\n<div class=\"col-md-12 col-sm-12 col-xs-12 pt-cv-content-item pt-cv-1-col\" ><div class='pt-cv-ifield'><a href=\"https:\/\/www.dmsjuridica.com\/buscador_20179478954\/corteconstitucionalcronologico202454587\/t-363-18\/\" class=\"_self pt-cv-href-thumbnail pt-cv-thumb-default\" target=\"_self\" ><\/a>\n<div class=\"pt-cv-taxoterm above_title\"><a href='https:\/\/www.dmsjuridica.com\/buscador_20179478954\/corteconstitucionalcronologico202454587\/category\/buscar-en-toda-la-corte\/2018\/tutelas-2018\/' title='Tutelas 2018' class='pt-cv-tax-tutelas-2018'>Tutelas 2018<\/a><\/div>\n<h4 class=\"pt-cv-title\"><a href=\"https:\/\/www.dmsjuridica.com\/buscador_20179478954\/corteconstitucionalcronologico202454587\/t-363-18\/\" class=\"_self\" target=\"_self\" >T-363-18<\/a><\/h4>\n<div class=\"pt-cv-content\">\u00a0 \u00a0 \u00a0 \u00a0 \u00a0T-363-18 \u00a0 \u00a0 \u00a0 \u00a0 \u00a0 \u00a0\u00a0 Sentencia T-363\/18 \u00a0 \u00a0 ACCION DE TUTELA PARA PROTEGER \u00a0 DERECHO A LA LIBERTAD RELIGIOSA Y DE CULTOS DE PERSONAS PRIVADAS DE LA LIBERTAD-Procedencia \u00a0 \u00a0 DERECHOS DEL \u00a0 INTERNO-Relaci\u00f3n de especial sujeci\u00f3n entre el Estado y \u00a0 las personas privadas de la libertad \u00a0 \u00a0 ESPECIAL PROTECCION DEL GOCE \u00a0 EFECTIVO DE LOS DERECHOS FUNDAMENTALES DE LAS PERSONAS PRIVADAS DE LA LIBERTAD \u00a0 \u00a0 RELACIONES DE \u00a0 ESPECIAL SUJECION ENTRE LOS INTERNOS Y EL ESTADO-Garant\u00eda y \u00a0 respeto de derechos fundamentales del interno \u00a0 \u00a0 RESTRICCION DE GARANTIAS ...<br \/><div class=\"pt-cv-rmwrap\"><a href=\"https:\/\/www.dmsjuridica.com\/buscador_20179478954\/corteconstitucionalcronologico202454587\/t-363-18\/\" class=\"_self pt-cv-readmore btn btn-success\" target=\"_self\">Ver Sentencia Completa...<\/a><\/div><\/div><\/div><\/div>\n<div class=\"col-md-12 col-sm-12 col-xs-12 pt-cv-content-item pt-cv-1-col\" ><div class='pt-cv-ifield'><a href=\"https:\/\/www.dmsjuridica.com\/buscador_20179478954\/corteconstitucionalcronologico202454587\/t-362-18\/\" class=\"_self pt-cv-href-thumbnail pt-cv-thumb-default\" target=\"_self\" ><\/a>\n<div class=\"pt-cv-taxoterm above_title\"><a href='https:\/\/www.dmsjuridica.com\/buscador_20179478954\/corteconstitucionalcronologico202454587\/category\/buscar-en-toda-la-corte\/2018\/tutelas-2018\/' title='Tutelas 2018' class='pt-cv-tax-tutelas-2018'>Tutelas 2018<\/a><\/div>\n<h4 class=\"pt-cv-title\"><a href=\"https:\/\/www.dmsjuridica.com\/buscador_20179478954\/corteconstitucionalcronologico202454587\/t-362-18\/\" class=\"_self\" target=\"_self\" >T-362-18<\/a><\/h4>\n<div class=\"pt-cv-content\">\u00a0 \u00a0 \u00a0 \u00a0 \u00a0T-362-18 \u00a0 \u00a0 \u00a0 \u00a0 \u00a0 \u00a0\u00a0 Sentencia T-362\/18 \u00a0 \u00a0 ACCION DE TUTELA CONTRA PROVIDENCIAS JUDICIALES-Requisitos generales y especiales de procedibilidad \u00a0 \u00a0 INDEMNIZACION \u00a0 ADMINISTRATIVA PARA VICTIMAS DEL CONFLICTO ARMADO INTERNO-Responsabilidad \u00a0 subsidiaria el Estado \u00a0 \u00a0 En el marco del conflicto armado interno y ante violaciones \u00a0 masivas a los derechos humanos el Estado tiene el deber constitucional de reparar a las v\u00edctimas mediante \u00a0 programas estatales id\u00f3neos y\u00a0sostenibles, esta responsabilidad subsidiaria, a diferencia \u00a0 de lo que ocurre con aquella que le cabe a los miembros del grupo armado ilegal, \u00a0 tiene ...<br \/><div class=\"pt-cv-rmwrap\"><a href=\"https:\/\/www.dmsjuridica.com\/buscador_20179478954\/corteconstitucionalcronologico202454587\/t-362-18\/\" class=\"_self pt-cv-readmore btn btn-success\" target=\"_self\">Ver Sentencia Completa...<\/a><\/div><\/div><\/div><\/div>\n<div class=\"col-md-12 col-sm-12 col-xs-12 pt-cv-content-item pt-cv-1-col\" ><div class='pt-cv-ifield'><a href=\"https:\/\/www.dmsjuridica.com\/buscador_20179478954\/corteconstitucionalcronologico202454587\/t-361-18\/\" class=\"_self pt-cv-href-thumbnail pt-cv-thumb-default\" target=\"_self\" ><\/a>\n<div class=\"pt-cv-taxoterm above_title\"><a href='https:\/\/www.dmsjuridica.com\/buscador_20179478954\/corteconstitucionalcronologico202454587\/category\/buscar-en-toda-la-corte\/2018\/tutelas-2018\/' title='Tutelas 2018' class='pt-cv-tax-tutelas-2018'>Tutelas 2018<\/a><\/div>\n<h4 class=\"pt-cv-title\"><a href=\"https:\/\/www.dmsjuridica.com\/buscador_20179478954\/corteconstitucionalcronologico202454587\/t-361-18\/\" class=\"_self\" target=\"_self\" >T-361-18<\/a><\/h4>\n<div class=\"pt-cv-content\">\u00a0 \u00a0 \u00a0 \u00a0 \u00a0T-361-18 \u00a0 \u00a0 \u00a0 \u00a0 \u00a0 \u00a0\u00a0 Sentencia T-361\/18 \u00a0 \u00a0 ACCION DE TUTELA CONTRA PROVIDENCIAS \u00a0 JUDICIALES-Requisitos \u00a0 generales y especiales de procedibilidad \u00a0 \u00a0 JUSTICIA MATERIAL-Alcance respecto de persona condenada penalmente, a \u00a0 quien se le han restringido sus garant\u00edas fundamentales en raz\u00f3n del \u00a0 cumplimiento de las sanciones impuestas por el juez de conocimiento \u00a0 \u00a0 DEFENSA TECNICA EN PROCESO PENAL-Garant\u00eda \u00a0 al debido proceso del condenado \u00a0 \u00a0 La \u00a0 materializaci\u00f3n del debido proceso en temas penales contribuye decisivamente la \u00a0 posibilidad de que los procesados puedan, por intermedio de un abogado, ...<br \/><div class=\"pt-cv-rmwrap\"><a href=\"https:\/\/www.dmsjuridica.com\/buscador_20179478954\/corteconstitucionalcronologico202454587\/t-361-18\/\" class=\"_self pt-cv-readmore btn btn-success\" target=\"_self\">Ver Sentencia Completa...<\/a><\/div><\/div><\/div><\/div>\n<div class=\"col-md-12 col-sm-12 col-xs-12 pt-cv-content-item pt-cv-1-col\" ><div class='pt-cv-ifield'><a href=\"https:\/\/www.dmsjuridica.com\/buscador_20179478954\/corteconstitucionalcronologico202454587\/t-360-18\/\" class=\"_self pt-cv-href-thumbnail pt-cv-thumb-default\" target=\"_self\" ><\/a>\n<div class=\"pt-cv-taxoterm above_title\"><a href='https:\/\/www.dmsjuridica.com\/buscador_20179478954\/corteconstitucionalcronologico202454587\/category\/buscar-en-toda-la-corte\/2018\/tutelas-2018\/' title='Tutelas 2018' class='pt-cv-tax-tutelas-2018'>Tutelas 2018<\/a><\/div>\n<h4 class=\"pt-cv-title\"><a href=\"https:\/\/www.dmsjuridica.com\/buscador_20179478954\/corteconstitucionalcronologico202454587\/t-360-18\/\" class=\"_self\" target=\"_self\" >T-360-18<\/a><\/h4>\n<div class=\"pt-cv-content\">\u00a0 \u00a0 \u00a0 \u00a0 \u00a0T-360-18 \u00a0 \u00a0 \u00a0 \u00a0 \u00a0 \u00a0\u00a0 Sentencia T-360\/18 \u00a0 \u00a0 ACCION DE TUTELA CONTRA PROVIDENCIAS JUDICIALES-Requisitos generales y especiales de \u00a0 procedibilidad \u00a0 \u00a0 DESCONOCIMIENTO DEL PRECEDENTE COMO \u00a0 CAUSAL ESPECIFICA DE PROCEDIBILIDAD DE LA ACCION DE TUTELA CONTRA PROVIDENCIAS \u00a0 JUDICIALES-Reiteraci\u00f3n de jurisprudencia \u00a0 \u00a0 DEFECTO SUSTANTIVO-Alcance \u00a0 \u00a0 Los jueces, dentro de la esfera de sus competencias, tienen autonom\u00eda e \u00a0 independencia para interpretar y aplicar las normas jur\u00eddicas, pero dicha \u00a0 facultad est\u00e1 limitada a la efectividad de los principios, derechos y deberes \u00a0 constitucionales, los cuales pueden resultar afectados con la ...<br \/><div class=\"pt-cv-rmwrap\"><a href=\"https:\/\/www.dmsjuridica.com\/buscador_20179478954\/corteconstitucionalcronologico202454587\/t-360-18\/\" class=\"_self pt-cv-readmore btn btn-success\" target=\"_self\">Ver Sentencia Completa...<\/a><\/div><\/div><\/div><\/div>\n<div class=\"col-md-12 col-sm-12 col-xs-12 pt-cv-content-item pt-cv-1-col\" ><div class='pt-cv-ifield'><a href=\"https:\/\/www.dmsjuridica.com\/buscador_20179478954\/corteconstitucionalcronologico202454587\/t-359-18\/\" class=\"_self pt-cv-href-thumbnail pt-cv-thumb-default\" target=\"_self\" ><\/a>\n<div class=\"pt-cv-taxoterm above_title\"><a href='https:\/\/www.dmsjuridica.com\/buscador_20179478954\/corteconstitucionalcronologico202454587\/category\/buscar-en-toda-la-corte\/2018\/tutelas-2018\/' title='Tutelas 2018' class='pt-cv-tax-tutelas-2018'>Tutelas 2018<\/a><\/div>\n<h4 class=\"pt-cv-title\"><a href=\"https:\/\/www.dmsjuridica.com\/buscador_20179478954\/corteconstitucionalcronologico202454587\/t-359-18\/\" class=\"_self\" target=\"_self\" >T-359-18<\/a><\/h4>\n<div class=\"pt-cv-content\">\u00a0 \u00a0 \u00a0 \u00a0 \u00a0T-359-18 \u00a0 \u00a0 \u00a0 \u00a0 \u00a0 \u00a0\u00a0 Sentencia T-359\/18 \u00a0 \u00a0 DESARROLLO ARMONICO E INTEGRAL DE LOS \u00a0 NI\u00d1OS Y NI\u00d1AS WAYUU DEL DEPARTAMENTO DE LA GUAJIRA-Amenaza permanente al no \u00a0 tener acceso a los derechos m\u00e1s esenciales para su vida diaria \u00a0 \u00a0 GOCE EFECTIVO DE LOS DERECHOS \u00a0 FUNDAMENTALES A LA ALIMENTACION, A LA SALUD, EL AGUA POTABLE Y A LA \u00a0 PARTICIPACION DE LOS NI\u00d1OS Y NI\u00d1AS DEL PUEBLO WAYUU DEL DEPARTAMENTO DE LA \u00a0 GUAJIRA-Reiteraci\u00f3n \u00a0 estado de cosas inconstitucional declarado en Sentencia T-302\/17 \u00a0 \u00a0 Acciones de tutela presentadas por Emiro ...<br \/><div class=\"pt-cv-rmwrap\"><a href=\"https:\/\/www.dmsjuridica.com\/buscador_20179478954\/corteconstitucionalcronologico202454587\/t-359-18\/\" class=\"_self pt-cv-readmore btn btn-success\" target=\"_self\">Ver Sentencia Completa...<\/a><\/div><\/div><\/div><\/div>\n<div class=\"col-md-12 col-sm-12 col-xs-12 pt-cv-content-item pt-cv-1-col\" ><div class='pt-cv-ifield'><a href=\"https:\/\/www.dmsjuridica.com\/buscador_20179478954\/corteconstitucionalcronologico202454587\/t-358-18\/\" class=\"_self pt-cv-href-thumbnail pt-cv-thumb-default\" target=\"_self\" ><\/a>\n<div class=\"pt-cv-taxoterm above_title\"><a href='https:\/\/www.dmsjuridica.com\/buscador_20179478954\/corteconstitucionalcronologico202454587\/category\/buscar-en-toda-la-corte\/2018\/tutelas-2018\/' title='Tutelas 2018' class='pt-cv-tax-tutelas-2018'>Tutelas 2018<\/a><\/div>\n<h4 class=\"pt-cv-title\"><a href=\"https:\/\/www.dmsjuridica.com\/buscador_20179478954\/corteconstitucionalcronologico202454587\/t-358-18\/\" class=\"_self\" target=\"_self\" >T-358-18<\/a><\/h4>\n<div class=\"pt-cv-content\">\u00a0 \u00a0 \u00a0 \u00a0 \u00a0T-358-18 \u00a0 \u00a0 \u00a0 \u00a0 \u00a0 \u00a0\u00a0 Sentencia T-358\/18 \u00a0 \u00a0 ACCION DE TUTELA PARA SOLICITAR PROTECCION DEL DERECHO AL \u00a0 AGUA-Procedencia \u00a0 excepcional \u00a0 \u00a0 La Corte en varias de sus sentencias, autoriza el\u00a0 uso de la \u00a0 acci\u00f3n de tutela para proteger el derecho al agua en alguna de las siguientes \u00a0 hip\u00f3tesis: (i) cuando no exista otro medio de defensa judicial que permita \u00a0 resolver el conflicto relacionado con la supuesta vulneraci\u00f3n de un derecho \u00a0 fundamental; o cuando, aun existiendo, (ii) dicho mecanismo no resulte eficaz e \u00a0 id\u00f3neo para la protecci\u00f3n ...<br \/><div class=\"pt-cv-rmwrap\"><a href=\"https:\/\/www.dmsjuridica.com\/buscador_20179478954\/corteconstitucionalcronologico202454587\/t-358-18\/\" class=\"_self pt-cv-readmore btn btn-success\" target=\"_self\">Ver Sentencia Completa...<\/a><\/div><\/div><\/div><\/div>\n<div class=\"col-md-12 col-sm-12 col-xs-12 pt-cv-content-item pt-cv-1-col\" ><div class='pt-cv-ifield'><a href=\"https:\/\/www.dmsjuridica.com\/buscador_20179478954\/corteconstitucionalcronologico202454587\/t-357-18\/\" class=\"_self pt-cv-href-thumbnail pt-cv-thumb-default\" target=\"_self\" ><\/a>\n<div class=\"pt-cv-taxoterm above_title\"><a href='https:\/\/www.dmsjuridica.com\/buscador_20179478954\/corteconstitucionalcronologico202454587\/category\/buscar-en-toda-la-corte\/2018\/tutelas-2018\/' title='Tutelas 2018' class='pt-cv-tax-tutelas-2018'>Tutelas 2018<\/a><\/div>\n<h4 class=\"pt-cv-title\"><a href=\"https:\/\/www.dmsjuridica.com\/buscador_20179478954\/corteconstitucionalcronologico202454587\/t-357-18\/\" class=\"_self\" target=\"_self\" >T-357-18<\/a><\/h4>\n<div class=\"pt-cv-content\">\u00a0 \u00a0 \u00a0 \u00a0 \u00a0T-357-18 \u00a0 \u00a0 \u00a0 \u00a0 \u00a0 \u00a0\u00a0 Sentencia \u00a0 T-357\/18 \u00a0 \u00a0 DERECHO A LA DIVERSIDAD ETNICA Y CULTURAL DE COMUNIDADES INDIGENAS FRENTE A LA \u00a0 COMERCIALIZACION DE PRODUCTOS DERIVADOS DE LA HOJA DE COCA \u00a0 \u00a0 DERECHO FUNDAMENTAL DE PETICION-Protecci\u00f3n constitucional y alcance \u00a0 \u00a0 DERECHO FUNDAMENTAL A LA DIVERSIDAD E IDENTIDAD CULTURAL DE COMUNIDADES Y GRUPOS \u00a0 ETNICOS-Protecci\u00f3n constitucional \u00a0 \u00a0 COMUNIDADES INDIGENAS-Uso ancestral de la hoja de coca como manifestaci\u00f3n \u00a0 de su derecho a la identidad cultural \u00a0 \u00a0 La\u00a0 jurisprudencia \u00a0 de esta Corporaci\u00f3n ha sido uniforme y pac\u00edfica en establecer ...<br \/><div class=\"pt-cv-rmwrap\"><a href=\"https:\/\/www.dmsjuridica.com\/buscador_20179478954\/corteconstitucionalcronologico202454587\/t-357-18\/\" class=\"_self pt-cv-readmore btn btn-success\" target=\"_self\">Ver Sentencia Completa...<\/a><\/div><\/div><\/div><\/div>\n<div class=\"col-md-12 col-sm-12 col-xs-12 pt-cv-content-item pt-cv-1-col\" ><div class='pt-cv-ifield'><a href=\"https:\/\/www.dmsjuridica.com\/buscador_20179478954\/corteconstitucionalcronologico202454587\/t-356-18\/\" class=\"_self pt-cv-href-thumbnail pt-cv-thumb-default\" target=\"_self\" ><\/a>\n<div class=\"pt-cv-taxoterm above_title\"><a href='https:\/\/www.dmsjuridica.com\/buscador_20179478954\/corteconstitucionalcronologico202454587\/category\/buscar-en-toda-la-corte\/2018\/tutelas-2018\/' title='Tutelas 2018' class='pt-cv-tax-tutelas-2018'>Tutelas 2018<\/a><\/div>\n<h4 class=\"pt-cv-title\"><a href=\"https:\/\/www.dmsjuridica.com\/buscador_20179478954\/corteconstitucionalcronologico202454587\/t-356-18\/\" class=\"_self\" target=\"_self\" >T-356-18<\/a><\/h4>\n<div class=\"pt-cv-content\">\u00a0 \u00a0 \u00a0 \u00a0 \u00a0T-356-18 \u00a0 \u00a0 \u00a0 \u00a0 \u00a0 \u00a0\u00a0 Sentencia T-356\/18 \u00a0 \u00a0 DERECHO DE ACCESO A LA ADMINISTRACION DE JUSTICIA-Vulneraci\u00f3n en su \u00a0 dimensi\u00f3n de cumplimiento de decisiones judiciales, afectando derecho de \u00a0 propiedad por falta de identificaci\u00f3n plena de los titulares del derecho de \u00a0 dominio \u00a0 \u00a0 PRINCIPIO DE SUBSIDIARIEDAD E INMEDIATEZ EN LA ACCION DE TUTELA-Requisitos \u00a0 de procedibilidad \u00a0 \u00a0 SISTEMA REGISTRAL INMOBILIARIO EN COLOMBIA-Finalidad \u00a0 \u00a0 El sistema de registro, desde sus primeras regulaciones, se \u00a0 concibi\u00f3 con el prop\u00f3sito de cumplir las siguientes finalidades: (i) servir de \u00a0 medio de tradici\u00f3n ...<br \/><div class=\"pt-cv-rmwrap\"><a href=\"https:\/\/www.dmsjuridica.com\/buscador_20179478954\/corteconstitucionalcronologico202454587\/t-356-18\/\" class=\"_self pt-cv-readmore btn btn-success\" target=\"_self\">Ver Sentencia Completa...<\/a><\/div><\/div><\/div><\/div>\n<div class=\"col-md-12 col-sm-12 col-xs-12 pt-cv-content-item pt-cv-1-col\" ><div class='pt-cv-ifield'><a href=\"https:\/\/www.dmsjuridica.com\/buscador_20179478954\/corteconstitucionalcronologico202454587\/t-355-18\/\" class=\"_self pt-cv-href-thumbnail pt-cv-thumb-default\" target=\"_self\" ><\/a>\n<div class=\"pt-cv-taxoterm above_title\"><a href='https:\/\/www.dmsjuridica.com\/buscador_20179478954\/corteconstitucionalcronologico202454587\/category\/buscar-en-toda-la-corte\/2018\/tutelas-2018\/' title='Tutelas 2018' class='pt-cv-tax-tutelas-2018'>Tutelas 2018<\/a><\/div>\n<h4 class=\"pt-cv-title\"><a href=\"https:\/\/www.dmsjuridica.com\/buscador_20179478954\/corteconstitucionalcronologico202454587\/t-355-18\/\" class=\"_self\" target=\"_self\" >T-355-18<\/a><\/h4>\n<div class=\"pt-cv-content\">\u00a0 \u00a0 \u00a0 \u00a0 \u00a0T-355-18 \u00a0 \u00a0 \u00a0 \u00a0 \u00a0 \u00a0\u00a0 Sentencia T-355\/18 \u00a0 \u00a0 DERECHO FUNDAMENTAL A \u00a0 LA\u00a0 VIVIENDA DIGNA-Reglas para la procedencia de la acci\u00f3n de tutela \u00a0 \u00a0 Esta \u00a0 Corte ha identificado una serie de elementos necesarios para la procedencia del \u00a0 amparo en aquellos casos en que se pretende la protecci\u00f3n del derecho a la \u00a0 vivienda digna en casos de incumplimiento de las obligaciones legales con las \u00a0 familias asentadas en zonas declaradas como de alto riesgo, estos son: \u201c(i) la \u00a0 inminencia del peligro; (ii) la existencia de sujetos de especial protecci\u00f3n ...<br \/><div class=\"pt-cv-rmwrap\"><a href=\"https:\/\/www.dmsjuridica.com\/buscador_20179478954\/corteconstitucionalcronologico202454587\/t-355-18\/\" class=\"_self pt-cv-readmore btn btn-success\" target=\"_self\">Ver Sentencia Completa...<\/a><\/div><\/div><\/div><\/div>\n<div class=\"col-md-12 col-sm-12 col-xs-12 pt-cv-content-item pt-cv-1-col\" ><div class='pt-cv-ifield'><a href=\"https:\/\/www.dmsjuridica.com\/buscador_20179478954\/corteconstitucionalcronologico202454587\/t-354-18\/\" class=\"_self pt-cv-href-thumbnail pt-cv-thumb-default\" target=\"_self\" ><\/a>\n<div class=\"pt-cv-taxoterm above_title\"><a href='https:\/\/www.dmsjuridica.com\/buscador_20179478954\/corteconstitucionalcronologico202454587\/category\/buscar-en-toda-la-corte\/2018\/tutelas-2018\/' title='Tutelas 2018' class='pt-cv-tax-tutelas-2018'>Tutelas 2018<\/a><\/div>\n<h4 class=\"pt-cv-title\"><a href=\"https:\/\/www.dmsjuridica.com\/buscador_20179478954\/corteconstitucionalcronologico202454587\/t-354-18\/\" class=\"_self\" target=\"_self\" >T-354-18<\/a><\/h4>\n<div class=\"pt-cv-content\">\u00a0 \u00a0 \u00a0 \u00a0 \u00a0T-354-18 \u00a0 \u00a0 \u00a0 \u00a0 \u00a0 \u00a0\u00a0 Sentencia \u00a0 T-354\/18 \u00a0 \u00a0 PENSION DE INVALIDEZ-Caso en que se niega \u00a0 reconocimiento de la pensi\u00f3n de invalidez, por incumplir el requisito de \u00a0 cotizaci\u00f3n de 50 semanas dentro de los 3 a\u00f1os inmediatamente anteriores a la \u00a0 fecha de estructuraci\u00f3n de la invalidez \u00a0 \u00a0 PENSION DE INVALIDEZ DE PERSONA CON ENFERMEDAD CRONICA, DEGENERATIVA O \u00a0 CONGENITA-Se deber\u00e1n \u00a0 tener en cuenta las semanas cotizadas con posterioridad a la fecha de \u00a0 estructuraci\u00f3n del estado de invalidez \u00a0 \u00a0 Cuando una entidad estudia la solicitud de reconocimiento ...<br \/><div class=\"pt-cv-rmwrap\"><a href=\"https:\/\/www.dmsjuridica.com\/buscador_20179478954\/corteconstitucionalcronologico202454587\/t-354-18\/\" class=\"_self pt-cv-readmore btn btn-success\" target=\"_self\">Ver Sentencia Completa...<\/a><\/div><\/div><\/div><\/div>\n<div class=\"col-md-12 col-sm-12 col-xs-12 pt-cv-content-item pt-cv-1-col\" ><div class='pt-cv-ifield'><a href=\"https:\/\/www.dmsjuridica.com\/buscador_20179478954\/corteconstitucionalcronologico202454587\/t-353-18\/\" class=\"_self pt-cv-href-thumbnail pt-cv-thumb-default\" target=\"_self\" ><\/a>\n<div class=\"pt-cv-taxoterm above_title\"><a href='https:\/\/www.dmsjuridica.com\/buscador_20179478954\/corteconstitucionalcronologico202454587\/category\/buscar-en-toda-la-corte\/2018\/tutelas-2018\/' title='Tutelas 2018' class='pt-cv-tax-tutelas-2018'>Tutelas 2018<\/a><\/div>\n<h4 class=\"pt-cv-title\"><a href=\"https:\/\/www.dmsjuridica.com\/buscador_20179478954\/corteconstitucionalcronologico202454587\/t-353-18\/\" class=\"_self\" target=\"_self\" >T-353-18<\/a><\/h4>\n<div class=\"pt-cv-content\">\u00a0 \u00a0 \u00a0 \u00a0 \u00a0T-353-18 \u00a0 \u00a0 \u00a0 \u00a0 \u00a0 \u00a0\u00a0 Sentencia T-353\/18 \u00a0 \u00a0 DERECHO \u00a0 FUNDAMENTAL A LA OBJECION DE CONCIENCIA AL SERVICIO MILITAR OBLIGATORIO-Reiteraci\u00f3n \u00a0 de jurisprudencia \u00a0 \u00a0 AGENCIA OFICIOSA \u00a0 EN TUTELA-Requisitos \u00a0 \u00a0 LEGITIMACION POR \u00a0 ACTIVA EN TUTELA EN CASOS DE DESACUARTELAMIENTO DEL SERVICIO MILITAR-Jurisprudencia constitucional \u00a0 \u00a0 IMPUGNACION FALLO \u00a0 DE TUTELA-Derecho constitucional \u00a0 \u00a0 La Corte Constitucional de forma reiterada ha precisado que la posibilidad de \u00a0 impugnar una decisi\u00f3n judicial es un derecho fundamental de todas las partes en \u00a0 el proceso, de modo que cuando se pretermite la \u00a0 ...<br \/><div class=\"pt-cv-rmwrap\"><a href=\"https:\/\/www.dmsjuridica.com\/buscador_20179478954\/corteconstitucionalcronologico202454587\/t-353-18\/\" class=\"_self pt-cv-readmore btn btn-success\" target=\"_self\">Ver Sentencia Completa...<\/a><\/div><\/div><\/div><\/div>\n<div class=\"col-md-12 col-sm-12 col-xs-12 pt-cv-content-item pt-cv-1-col\" ><div class='pt-cv-ifield'><a href=\"https:\/\/www.dmsjuridica.com\/buscador_20179478954\/corteconstitucionalcronologico202454587\/t-352-18\/\" class=\"_self pt-cv-href-thumbnail pt-cv-thumb-default\" target=\"_self\" ><\/a>\n<div class=\"pt-cv-taxoterm above_title\"><a href='https:\/\/www.dmsjuridica.com\/buscador_20179478954\/corteconstitucionalcronologico202454587\/category\/buscar-en-toda-la-corte\/2018\/tutelas-2018\/' title='Tutelas 2018' class='pt-cv-tax-tutelas-2018'>Tutelas 2018<\/a><\/div>\n<h4 class=\"pt-cv-title\"><a href=\"https:\/\/www.dmsjuridica.com\/buscador_20179478954\/corteconstitucionalcronologico202454587\/t-352-18\/\" class=\"_self\" target=\"_self\" >T-352-18<\/a><\/h4>\n<div class=\"pt-cv-content\">\u00a0 \u00a0 \u00a0 \u00a0 \u00a0T-352-18 \u00a0 \u00a0 \u00a0 \u00a0 \u00a0 \u00a0\u00a0 NOTA DE RELATORIA: Mediante Auto 075 de fecha \u00a0 20 de febrero de 2019, el cual se anexa en la parte final, se declara la nulidad \u00a0 de la presente providencia, debido a que se encontr\u00f3 probada la causal de \u00a0 elusi\u00f3n de an\u00e1lisis de un asunto de relevancia constitucional \u00a0 \u00a0 Sentencia \u00a0 T-352\/18 \u00a0 \u00a0 ACCION DE TUTELA PARA RECONOCIMIENTO DE PENSION DE \u00a0 VEJEZ-Procedencia excepcional cuando se vulneran derechos de las personas de la \u00a0 tercera edad \u00a0 \u00a0 PENSION DE VEJEZ-Concepto\/PENSION \u00a0 DE VEJEZ-Finalidad \u00a0 ...<br \/><div class=\"pt-cv-rmwrap\"><a href=\"https:\/\/www.dmsjuridica.com\/buscador_20179478954\/corteconstitucionalcronologico202454587\/t-352-18\/\" class=\"_self pt-cv-readmore btn btn-success\" target=\"_self\">Ver Sentencia Completa...<\/a><\/div><\/div><\/div><\/div>\n<div class=\"col-md-12 col-sm-12 col-xs-12 pt-cv-content-item pt-cv-1-col\" ><div class='pt-cv-ifield'><a href=\"https:\/\/www.dmsjuridica.com\/buscador_20179478954\/corteconstitucionalcronologico202454587\/t-351-18\/\" class=\"_self pt-cv-href-thumbnail pt-cv-thumb-default\" target=\"_self\" ><\/a>\n<div class=\"pt-cv-taxoterm above_title\"><a href='https:\/\/www.dmsjuridica.com\/buscador_20179478954\/corteconstitucionalcronologico202454587\/category\/buscar-en-toda-la-corte\/2018\/tutelas-2018\/' title='Tutelas 2018' class='pt-cv-tax-tutelas-2018'>Tutelas 2018<\/a><\/div>\n<h4 class=\"pt-cv-title\"><a href=\"https:\/\/www.dmsjuridica.com\/buscador_20179478954\/corteconstitucionalcronologico202454587\/t-351-18\/\" class=\"_self\" target=\"_self\" >T-351-18<\/a><\/h4>\n<div class=\"pt-cv-content\">\u00a0 \u00a0 \u00a0 \u00a0 \u00a0T-351-18 \u00a0 \u00a0 \u00a0 \u00a0 \u00a0 \u00a0\u00a0 Sentencia T-351\/18 \u00a0 \u00a0 PREVALENCIA DEL INTERES SUPERIOR DEL MENOR EN PENSION DE \u00a0 SOBREVIVIENTES-Caso en que se niega pensi\u00f3n a \u00a0 abuela, quien tiene la custodia legal de hijas menores, bajo el argumento que la \u00a0 representaci\u00f3n legal est\u00e1 en cabeza del padre de las beneficiarias quien no \u00a0 cumple con el deber legal de alimentos \u00a0 \u00a0 INTERES SUPERIOR DEL MENOR-Concepto \u00a0 \u00a0 Se entiende por inter\u00e9s \u00a0 superior del ni\u00f1o, ni\u00f1a y adolescente, el imperativo que obliga a todas las \u00a0 personas a garantizar la satisfacci\u00f3n ...<br \/><div class=\"pt-cv-rmwrap\"><a href=\"https:\/\/www.dmsjuridica.com\/buscador_20179478954\/corteconstitucionalcronologico202454587\/t-351-18\/\" class=\"_self pt-cv-readmore btn btn-success\" target=\"_self\">Ver Sentencia Completa...<\/a><\/div><\/div><\/div><\/div>\n<div class=\"col-md-12 col-sm-12 col-xs-12 pt-cv-content-item pt-cv-1-col\" ><div class='pt-cv-ifield'><a href=\"https:\/\/www.dmsjuridica.com\/buscador_20179478954\/corteconstitucionalcronologico202454587\/t-350-18\/\" class=\"_self pt-cv-href-thumbnail pt-cv-thumb-default\" target=\"_self\" ><\/a>\n<div class=\"pt-cv-taxoterm above_title\"><a href='https:\/\/www.dmsjuridica.com\/buscador_20179478954\/corteconstitucionalcronologico202454587\/category\/buscar-en-toda-la-corte\/2018\/tutelas-2018\/' title='Tutelas 2018' class='pt-cv-tax-tutelas-2018'>Tutelas 2018<\/a><\/div>\n<h4 class=\"pt-cv-title\"><a href=\"https:\/\/www.dmsjuridica.com\/buscador_20179478954\/corteconstitucionalcronologico202454587\/t-350-18\/\" class=\"_self\" target=\"_self\" >T-350-18<\/a><\/h4>\n<div class=\"pt-cv-content\">\u00a0 \u00a0 \u00a0 \u00a0 \u00a0T-350-18 \u00a0 \u00a0 \u00a0 \u00a0 \u00a0 \u00a0\u00a0 Sentencia T-350\/18 \u00a0 \u00a0 ACCION DE TUTELA PARA RECONOCIMIENTO DE PENSION DE \u00a0 INVALIDEZ-Procedencia excepcional \u00a0 por afectaci\u00f3n al m\u00ednimo vital y vida digna de sujetos de especial protecci\u00f3n \u00a0 \u00a0 En este caso la acci\u00f3n \u00a0 de tutela es procedente como mecanismo definitivo para \u00a0 proteger los derechos fundamentales a la seguridad social, a la vida digna y al \u00a0 m\u00ednimo vital del accionante, debido a que se encuentra en condici\u00f3n de \u00a0 vulnerabilidad por su discapacidad y grave situaci\u00f3n econ\u00f3mica. \u00a0 \u00a0 PENSION DE INVALIDEZ DE PERSONA ...<br \/><div class=\"pt-cv-rmwrap\"><a href=\"https:\/\/www.dmsjuridica.com\/buscador_20179478954\/corteconstitucionalcronologico202454587\/t-350-18\/\" class=\"_self pt-cv-readmore btn btn-success\" target=\"_self\">Ver Sentencia Completa...<\/a><\/div><\/div><\/div><\/div>\n<div class=\"col-md-12 col-sm-12 col-xs-12 pt-cv-content-item pt-cv-1-col\" ><div class='pt-cv-ifield'><a href=\"https:\/\/www.dmsjuridica.com\/buscador_20179478954\/corteconstitucionalcronologico202454587\/t-349-18\/\" class=\"_self pt-cv-href-thumbnail pt-cv-thumb-default\" target=\"_self\" ><\/a>\n<div class=\"pt-cv-taxoterm above_title\"><a href='https:\/\/www.dmsjuridica.com\/buscador_20179478954\/corteconstitucionalcronologico202454587\/category\/buscar-en-toda-la-corte\/2018\/tutelas-2018\/' title='Tutelas 2018' class='pt-cv-tax-tutelas-2018'>Tutelas 2018<\/a><\/div>\n<h4 class=\"pt-cv-title\"><a href=\"https:\/\/www.dmsjuridica.com\/buscador_20179478954\/corteconstitucionalcronologico202454587\/t-349-18\/\" class=\"_self\" target=\"_self\" >T-349-18<\/a><\/h4>\n<div class=\"pt-cv-content\">\u00a0 \u00a0 \u00a0 \u00a0 \u00a0T-349-18 \u00a0 \u00a0 \u00a0 \u00a0 \u00a0 \u00a0\u00a0 Sentencia T-349\/18 \u00a0 \u00a0 DERECHO A LA SEGURIDAD PERSONAL-El Estado tiene la obligaci\u00f3n de adoptar las \u00a0 medidas de protecci\u00f3n necesarias para proteger a aquellos individuos que se \u00a0 encuentran sometidos a un nivel de amenaza \u00a0 \u00a0 DEBER DE PROTECCION DEL ESTADO CON RELACION A LA VIDA Y \u00a0 A LA SEGURIDAD PERSONAL DE LIDERES, LIDERESAS, AUTORIDADES Y REPRESENTANTES \u00a0 INDIGENAS-Reiteraci\u00f3n de \u00a0 jurisprudencia \u00a0 \u00a0 El derecho a la seguridad personal se adscribe -prima \u00a0 facie- a los art\u00edculos 2, 11 y 12 de la Constituci\u00f3n Pol\u00edtica ...<br \/><div class=\"pt-cv-rmwrap\"><a href=\"https:\/\/www.dmsjuridica.com\/buscador_20179478954\/corteconstitucionalcronologico202454587\/t-349-18\/\" class=\"_self pt-cv-readmore btn btn-success\" target=\"_self\">Ver Sentencia Completa...<\/a><\/div><\/div><\/div><\/div>\n<div class=\"col-md-12 col-sm-12 col-xs-12 pt-cv-content-item pt-cv-1-col\" ><div class='pt-cv-ifield'><a href=\"https:\/\/www.dmsjuridica.com\/buscador_20179478954\/corteconstitucionalcronologico202454587\/t-348-18\/\" class=\"_self pt-cv-href-thumbnail pt-cv-thumb-default\" target=\"_self\" ><\/a>\n<div class=\"pt-cv-taxoterm above_title\"><a href='https:\/\/www.dmsjuridica.com\/buscador_20179478954\/corteconstitucionalcronologico202454587\/category\/buscar-en-toda-la-corte\/2018\/tutelas-2018\/' title='Tutelas 2018' class='pt-cv-tax-tutelas-2018'>Tutelas 2018<\/a><\/div>\n<h4 class=\"pt-cv-title\"><a href=\"https:\/\/www.dmsjuridica.com\/buscador_20179478954\/corteconstitucionalcronologico202454587\/t-348-18\/\" class=\"_self\" target=\"_self\" >T-348-18<\/a><\/h4>\n<div class=\"pt-cv-content\">\u00a0 \u00a0 \u00a0 \u00a0 \u00a0T-348-18 \u00a0 \u00a0 \u00a0 \u00a0 \u00a0 \u00a0\u00a0 Sentencia T-348\/18 \u00a0 \u00a0 DERECHO A LA SALUD Y \u00a0 AFILIACION A LA SEGURIDAD SOCIAL DE EXTRANJEROS NO REGULARIZADOS-Caso de venezolano con VIH\/SIDA \u00a0 \u00a0 PRINCIPIO DE UNIVERSALIDAD DEL SERVICIO DE \u00a0 SALUD-Cobertura para los \u00a0 residentes en todo el territorio nacional \u00a0 \u00a0 La atenci\u00f3n de la salud y el saneamiento ambiental son \u00a0 servicios p\u00fablicos a cargo del Estado. Se garantiza a todas las personas el \u00a0 acceso a los servicios de promoci\u00f3n, protecci\u00f3n y recuperaci\u00f3n de la salud. \u00a0 Corresponde al Estado organizar, dirigir y reglamentar ...<br \/><div class=\"pt-cv-rmwrap\"><a href=\"https:\/\/www.dmsjuridica.com\/buscador_20179478954\/corteconstitucionalcronologico202454587\/t-348-18\/\" class=\"_self pt-cv-readmore btn btn-success\" target=\"_self\">Ver Sentencia Completa...<\/a><\/div><\/div><\/div><\/div>\n<div class=\"col-md-12 col-sm-12 col-xs-12 pt-cv-content-item pt-cv-1-col\" ><div class='pt-cv-ifield'><a href=\"https:\/\/www.dmsjuridica.com\/buscador_20179478954\/corteconstitucionalcronologico202454587\/t-347-18\/\" class=\"_self pt-cv-href-thumbnail pt-cv-thumb-default\" target=\"_self\" ><\/a>\n<div class=\"pt-cv-taxoterm above_title\"><a href='https:\/\/www.dmsjuridica.com\/buscador_20179478954\/corteconstitucionalcronologico202454587\/category\/buscar-en-toda-la-corte\/2018\/tutelas-2018\/' title='Tutelas 2018' class='pt-cv-tax-tutelas-2018'>Tutelas 2018<\/a><\/div>\n<h4 class=\"pt-cv-title\"><a href=\"https:\/\/www.dmsjuridica.com\/buscador_20179478954\/corteconstitucionalcronologico202454587\/t-347-18\/\" class=\"_self\" target=\"_self\" >T-347-18<\/a><\/h4>\n<div class=\"pt-cv-content\">\u00a0 \u00a0 \u00a0 \u00a0 \u00a0T-347-18 \u00a0 \u00a0 \u00a0 \u00a0 \u00a0 \u00a0\u00a0 Sentencia T-347\/18 \u00a0 \u00a0 DESPLAZAMIENTO FORZADO-Caracter\u00edsticas \u00a0 \u00a0 El desplazamiento forzado es \u201cla situaci\u00f3n de las \u00a0 personas que dejan sus hogares o huyen debido a los conflictos, la violencia, \u00a0 las persecuciones y las violaciones de los derechos humanos\u201d. Esta situaci\u00f3n se \u00a0 consuma cuando una persona \u201cse ha visto obligada a migrar \u00a0 dentro del territorio nacional, abandonando su lugar de residencia o su oficio \u00a0 habitual, debido a que su vida, su integridad f\u00edsica o su libertad se han hecho \u00a0 vulnerables o corren peligro por ...<br \/><div class=\"pt-cv-rmwrap\"><a href=\"https:\/\/www.dmsjuridica.com\/buscador_20179478954\/corteconstitucionalcronologico202454587\/t-347-18\/\" class=\"_self pt-cv-readmore btn btn-success\" target=\"_self\">Ver Sentencia Completa...<\/a><\/div><\/div><\/div><\/div>\n<div class=\"col-md-12 col-sm-12 col-xs-12 pt-cv-content-item pt-cv-1-col\" ><div class='pt-cv-ifield'><a href=\"https:\/\/www.dmsjuridica.com\/buscador_20179478954\/corteconstitucionalcronologico202454587\/t-346-18\/\" class=\"_self pt-cv-href-thumbnail pt-cv-thumb-default\" target=\"_self\" ><\/a>\n<div class=\"pt-cv-taxoterm above_title\"><a href='https:\/\/www.dmsjuridica.com\/buscador_20179478954\/corteconstitucionalcronologico202454587\/category\/buscar-en-toda-la-corte\/2018\/tutelas-2018\/' title='Tutelas 2018' class='pt-cv-tax-tutelas-2018'>Tutelas 2018<\/a><\/div>\n<h4 class=\"pt-cv-title\"><a href=\"https:\/\/www.dmsjuridica.com\/buscador_20179478954\/corteconstitucionalcronologico202454587\/t-346-18\/\" class=\"_self\" target=\"_self\" >T-346-18<\/a><\/h4>\n<div class=\"pt-cv-content\">\u00a0 \u00a0 \u00a0 \u00a0 \u00a0T-346-18 \u00a0 \u00a0 \u00a0 \u00a0 \u00a0 \u00a0\u00a0 Sentencia \u00a0 T-346\/18 \u00a0 \u00a0 APLICACION DEL PRINCIPIO DE LA CONDICION \u00a0 MAS BENEFICIOSA A LA PENSION DE SOBREVIVIENTES-Unificaci\u00f3n \u00a0 de jurisprudencia \u00a0 \u00a0 La Corte \u00a0 Constitucional se pronunci\u00f3, acerca de la posibilidad de aplicar de manera \u00a0 ultractiva normas sobre los requisitos para el reconocimiento de la pensi\u00f3n de \u00a0 sobrevivientes en virtud del principio de la condici\u00f3n m\u00e1s beneficiosa que,\u00a0\u201cse distingue porque: (i) opera en el tr\u00e1nsito legislativo, y ante \u00a0 la ausencia de un r\u00e9gimen de transici\u00f3n; (ii) se debe cotejar una norma derogada \u00a0 ...<br \/><div class=\"pt-cv-rmwrap\"><a href=\"https:\/\/www.dmsjuridica.com\/buscador_20179478954\/corteconstitucionalcronologico202454587\/t-346-18\/\" class=\"_self pt-cv-readmore btn btn-success\" target=\"_self\">Ver Sentencia Completa...<\/a><\/div><\/div><\/div><\/div>\n<div class=\"col-md-12 col-sm-12 col-xs-12 pt-cv-content-item pt-cv-1-col\" ><div class='pt-cv-ifield'><a href=\"https:\/\/www.dmsjuridica.com\/buscador_20179478954\/corteconstitucionalcronologico202454587\/t-345-18\/\" class=\"_self pt-cv-href-thumbnail pt-cv-thumb-default\" target=\"_self\" ><\/a>\n<div class=\"pt-cv-taxoterm above_title\"><a href='https:\/\/www.dmsjuridica.com\/buscador_20179478954\/corteconstitucionalcronologico202454587\/category\/buscar-en-toda-la-corte\/2018\/tutelas-2018\/' title='Tutelas 2018' class='pt-cv-tax-tutelas-2018'>Tutelas 2018<\/a><\/div>\n<h4 class=\"pt-cv-title\"><a href=\"https:\/\/www.dmsjuridica.com\/buscador_20179478954\/corteconstitucionalcronologico202454587\/t-345-18\/\" class=\"_self\" target=\"_self\" >T-345-18<\/a><\/h4>\n<div class=\"pt-cv-content\">\u00a0 \u00a0 \u00a0 \u00a0 \u00a0T-345-18 \u00a0 \u00a0 \u00a0 \u00a0 \u00a0 \u00a0\u00a0 Sentencia T-345\/18 \u00a0 \u00a0 DERECHO DE PETICION DE LAS PERSONAS PRIVADAS DE LA \u00a0 LIBERTAD EN CENTROS PENITENCIARIOS Y CARCELARIOS-Reglas \u00a0 \u00a0 El ejercicio del derecho de petici\u00f3n en escenarios penitenciarios, no \u00a0 puede estar sometido exactamente a las mismas pautas y directrices que el \u00a0 previsto para las personas que no est\u00e1n privadas de la libertad. Sus \u00a0 especificidades se sustentan en (i) las limitaciones f\u00edsicas y materiales \u00a0 derivadas de esa privaci\u00f3n, (ii) en la obligaci\u00f3n que tiene el Estado de \u00a0 agenciar los derechos de los ...<br \/><div class=\"pt-cv-rmwrap\"><a href=\"https:\/\/www.dmsjuridica.com\/buscador_20179478954\/corteconstitucionalcronologico202454587\/t-345-18\/\" class=\"_self pt-cv-readmore btn btn-success\" target=\"_self\">Ver Sentencia Completa...<\/a><\/div><\/div><\/div><\/div>\n<div class=\"col-md-12 col-sm-12 col-xs-12 pt-cv-content-item pt-cv-1-col\" ><div class='pt-cv-ifield'><a href=\"https:\/\/www.dmsjuridica.com\/buscador_20179478954\/corteconstitucionalcronologico202454587\/t-344-18\/\" class=\"_self pt-cv-href-thumbnail pt-cv-thumb-default\" target=\"_self\" ><\/a>\n<div class=\"pt-cv-taxoterm above_title\"><a href='https:\/\/www.dmsjuridica.com\/buscador_20179478954\/corteconstitucionalcronologico202454587\/category\/buscar-en-toda-la-corte\/2018\/tutelas-2018\/' title='Tutelas 2018' class='pt-cv-tax-tutelas-2018'>Tutelas 2018<\/a><\/div>\n<h4 class=\"pt-cv-title\"><a href=\"https:\/\/www.dmsjuridica.com\/buscador_20179478954\/corteconstitucionalcronologico202454587\/t-344-18\/\" class=\"_self\" target=\"_self\" >T-344-18<\/a><\/h4>\n<div class=\"pt-cv-content\">\u00a0 \u00a0 \u00a0 \u00a0 \u00a0T-344-18 \u00a0 \u00a0 \u00a0 \u00a0 \u00a0 \u00a0\u00a0 NOTA DE RELATORIA:\u00a0Mediante auto 636 \u00a0 de fecha 3 de octubre de 2018, el cual se anexa al final,\u00a0 la Sala Sexta de \u00a0 Revisi\u00f3n dispuso corregir de oficio el ordinal segundo de la parte resolutiva de \u00a0 la presente providencia, en el sentido de precisar la fecha a partir de la cual \u00a0 el ICETEX adeuda los subsidios de manutenci\u00f3n al accionante \u00a0 \u00a0 Sentencia T-344\/18 \u00a0 \u00a0 El m\u00ednimo vital no est\u00e1 constituido, necesariamente, por el salario \u00a0 m\u00ednimo mensual legalmente establecido y se requiere una labor ...<br \/><div class=\"pt-cv-rmwrap\"><a href=\"https:\/\/www.dmsjuridica.com\/buscador_20179478954\/corteconstitucionalcronologico202454587\/t-344-18\/\" class=\"_self pt-cv-readmore btn btn-success\" target=\"_self\">Ver Sentencia Completa...<\/a><\/div><\/div><\/div><\/div>\n<div class=\"col-md-12 col-sm-12 col-xs-12 pt-cv-content-item pt-cv-1-col\" ><div class='pt-cv-ifield'><a href=\"https:\/\/www.dmsjuridica.com\/buscador_20179478954\/corteconstitucionalcronologico202454587\/t-343-18\/\" class=\"_self pt-cv-href-thumbnail pt-cv-thumb-default\" target=\"_self\" ><\/a>\n<div class=\"pt-cv-taxoterm above_title\"><a href='https:\/\/www.dmsjuridica.com\/buscador_20179478954\/corteconstitucionalcronologico202454587\/category\/buscar-en-toda-la-corte\/2018\/tutelas-2018\/' title='Tutelas 2018' class='pt-cv-tax-tutelas-2018'>Tutelas 2018<\/a><\/div>\n<h4 class=\"pt-cv-title\"><a href=\"https:\/\/www.dmsjuridica.com\/buscador_20179478954\/corteconstitucionalcronologico202454587\/t-343-18\/\" class=\"_self\" target=\"_self\" >T-343-18<\/a><\/h4>\n<div class=\"pt-cv-content\">\u00a0 \u00a0 \u00a0 \u00a0 \u00a0T-343-18 \u00a0 \u00a0 \u00a0 \u00a0 \u00a0 \u00a0\u00a0 Sentencia T-343\/18 \u00a0 \u00a0 EXENCION EN LA \u00a0 PRESTACION DEL SERVICIO MILITAR DE LA POBLACION DESPLAZADA \u00a0 \u00a0 AGENCIA OFICIOSA DE \u00a0 PERSONAS QUE SE ENCUENTRAN PRESTANDO SERVICIO MILITAR OBLIGATORIO-Requisitos para determinar la legitimidad del padre o madre del hijo \u00a0 que presta el servicio militar \u00a0 \u00a0 \u00a0Es v\u00e1lido que un padre de familia \u00a0 agencie los derechos fundamentales de un hijo mayor de edad, reclutado por el \u00a0 Ej\u00e9rcito, siempre que: (i) est\u00e9 actuando como agente oficioso; (ii) figure \u00a0 expresamente o se infiera del contenido de ...<br \/><div class=\"pt-cv-rmwrap\"><a href=\"https:\/\/www.dmsjuridica.com\/buscador_20179478954\/corteconstitucionalcronologico202454587\/t-343-18\/\" class=\"_self pt-cv-readmore btn btn-success\" target=\"_self\">Ver Sentencia Completa...<\/a><\/div><\/div><\/div><\/div>\n<div class=\"col-md-12 col-sm-12 col-xs-12 pt-cv-content-item pt-cv-1-col\" ><div class='pt-cv-ifield'><a href=\"https:\/\/www.dmsjuridica.com\/buscador_20179478954\/corteconstitucionalcronologico202454587\/t-342-18\/\" class=\"_self pt-cv-href-thumbnail pt-cv-thumb-default\" target=\"_self\" ><\/a>\n<div class=\"pt-cv-taxoterm above_title\"><a href='https:\/\/www.dmsjuridica.com\/buscador_20179478954\/corteconstitucionalcronologico202454587\/category\/buscar-en-toda-la-corte\/2018\/tutelas-2018\/' title='Tutelas 2018' class='pt-cv-tax-tutelas-2018'>Tutelas 2018<\/a><\/div>\n<h4 class=\"pt-cv-title\"><a href=\"https:\/\/www.dmsjuridica.com\/buscador_20179478954\/corteconstitucionalcronologico202454587\/t-342-18\/\" class=\"_self\" target=\"_self\" >T-342-18<\/a><\/h4>\n<div class=\"pt-cv-content\">\u00a0 \u00a0 \u00a0 \u00a0 \u00a0T-342-18 \u00a0 \u00a0 \u00a0 \u00a0 \u00a0 \u00a0\u00a0 Sentencia T-342\/18 \u00a0 \u00a0 INSCRIPCION EN EL REGISTRO UNICO DE VICTIMAS-Vulneraci\u00f3n por la UARIV al negar inscripci\u00f3n de los accionantes por \u00a0 concluir que el hecho victimizante no ocurri\u00f3 en el marco del conflicto armado \u00a0 interno \u00a0 \u00a0 AGENCIA OFICIOSA EN TUTELA-Requisitos \u00a0 \u00a0 La \u00a0 jurisprudencia constitucional ha indicado que, para que opere la agencia \u00a0 oficiosa, deben presentar los siguientes elementos normativos \u201c(i) el agente \u00a0 oficioso debe manifestar que est\u00e1 actuando como tal; (ii) del escrito de tutela \u00a0 se debe poder inferir que el ...<br \/><div class=\"pt-cv-rmwrap\"><a href=\"https:\/\/www.dmsjuridica.com\/buscador_20179478954\/corteconstitucionalcronologico202454587\/t-342-18\/\" class=\"_self pt-cv-readmore btn btn-success\" target=\"_self\">Ver Sentencia Completa...<\/a><\/div><\/div><\/div><\/div>\n<div class=\"col-md-12 col-sm-12 col-xs-12 pt-cv-content-item pt-cv-1-col\" ><div class='pt-cv-ifield'><a href=\"https:\/\/www.dmsjuridica.com\/buscador_20179478954\/corteconstitucionalcronologico202454587\/t-341-18\/\" class=\"_self pt-cv-href-thumbnail pt-cv-thumb-default\" target=\"_self\" ><\/a>\n<div class=\"pt-cv-taxoterm above_title\"><a href='https:\/\/www.dmsjuridica.com\/buscador_20179478954\/corteconstitucionalcronologico202454587\/category\/buscar-en-toda-la-corte\/2018\/tutelas-2018\/' title='Tutelas 2018' class='pt-cv-tax-tutelas-2018'>Tutelas 2018<\/a><\/div>\n<h4 class=\"pt-cv-title\"><a href=\"https:\/\/www.dmsjuridica.com\/buscador_20179478954\/corteconstitucionalcronologico202454587\/t-341-18\/\" class=\"_self\" target=\"_self\" >T-341-18<\/a><\/h4>\n<div class=\"pt-cv-content\">\u00a0 \u00a0 \u00a0 \u00a0 \u00a0T-341-18 \u00a0 \u00a0 \u00a0 \u00a0 \u00a0 \u00a0\u00a0 Sentencia \u00a0 T-341\/18 \u00a0 \u00a0 ACCION DE TUTELA CONTRA PROVIDENCIAS \u00a0 JUDICIALES-Requisitos \u00a0 generales y especiales de procedibilidad \u00a0 \u00a0 DEFECTO ORGANICO-Configuraci\u00f3n \u00a0 \u00a0 El defecto org\u00e1nico, seg\u00fan la jurisprudencia constitucional, \u00a0 se presenta cuando una autoridad judicial profiere una decisi\u00f3n con carencia \u00a0 absoluta de competencia, bien porque la desconoce abiertamente o asume alguna \u00a0 que no le corresponde o porque pierde competencia a lo largo del proceso. \u00a0 \u00a0 ACCESO A LA ADMINISTRACION DE \u00a0 JUSTICIA-Garant\u00eda del \u00a0 plazo razonable para adelantar etapas y proferir decisiones en ...<br \/><div class=\"pt-cv-rmwrap\"><a href=\"https:\/\/www.dmsjuridica.com\/buscador_20179478954\/corteconstitucionalcronologico202454587\/t-341-18\/\" class=\"_self pt-cv-readmore btn btn-success\" target=\"_self\">Ver Sentencia Completa...<\/a><\/div><\/div><\/div><\/div>\n<div class=\"col-md-12 col-sm-12 col-xs-12 pt-cv-content-item pt-cv-1-col\" ><div class='pt-cv-ifield'><a href=\"https:\/\/www.dmsjuridica.com\/buscador_20179478954\/corteconstitucionalcronologico202454587\/t-340-18\/\" class=\"_self pt-cv-href-thumbnail pt-cv-thumb-default\" target=\"_self\" ><\/a>\n<div class=\"pt-cv-taxoterm above_title\"><a href='https:\/\/www.dmsjuridica.com\/buscador_20179478954\/corteconstitucionalcronologico202454587\/category\/buscar-en-toda-la-corte\/2018\/tutelas-2018\/' title='Tutelas 2018' class='pt-cv-tax-tutelas-2018'>Tutelas 2018<\/a><\/div>\n<h4 class=\"pt-cv-title\"><a href=\"https:\/\/www.dmsjuridica.com\/buscador_20179478954\/corteconstitucionalcronologico202454587\/t-340-18\/\" class=\"_self\" target=\"_self\" >T-340-18<\/a><\/h4>\n<div class=\"pt-cv-content\">\u00a0 \u00a0 \u00a0 \u00a0 \u00a0T-340-18 \u00a0 \u00a0 \u00a0 \u00a0 \u00a0 \u00a0\u00a0 Sentencia T-340\/18 \u00a0 \u00a0 ACCION DE TUTELA PARA RECONOCIMIENTO DE PENSION DE \u00a0 SOBREVIVIENTES-Procedencia excepcional \u00a0 por tratarse de una persona de la tercera edad en estado de indefensi\u00f3n y por \u00a0 existencia de perjuicio irremediable \u00a0 \u00a0 AGENCIA OFICIOSA EN TUTELA-Se pueden agenciar derechos ajenos cuando el \u00a0 titular de los mismos no est\u00e9 en condiciones de promover su propia defensa \u00a0 \u00a0 PENSION DE SOBREVIVIENTES-Concepto, finalidad y beneficiarios \u00a0 \u00a0 SUSTITUCION PENSIONAL Y PENSION DE SOBREVIVIENTES-Diferencias \u00a0 \u00a0 DEPENDENCIA ECONOMICA-Reglas para determinarla \u00a0 \u00a0 La obligaci\u00f3n \u00a0 ...<br \/><div class=\"pt-cv-rmwrap\"><a href=\"https:\/\/www.dmsjuridica.com\/buscador_20179478954\/corteconstitucionalcronologico202454587\/t-340-18\/\" class=\"_self pt-cv-readmore btn btn-success\" target=\"_self\">Ver Sentencia Completa...<\/a><\/div><\/div><\/div><\/div>\n<div class=\"col-md-12 col-sm-12 col-xs-12 pt-cv-content-item pt-cv-1-col\" ><div class='pt-cv-ifield'><a href=\"https:\/\/www.dmsjuridica.com\/buscador_20179478954\/corteconstitucionalcronologico202454587\/t-339-18\/\" class=\"_self pt-cv-href-thumbnail pt-cv-thumb-default\" target=\"_self\" ><\/a>\n<div class=\"pt-cv-taxoterm above_title\"><a href='https:\/\/www.dmsjuridica.com\/buscador_20179478954\/corteconstitucionalcronologico202454587\/category\/buscar-en-toda-la-corte\/2018\/tutelas-2018\/' title='Tutelas 2018' class='pt-cv-tax-tutelas-2018'>Tutelas 2018<\/a><\/div>\n<h4 class=\"pt-cv-title\"><a href=\"https:\/\/www.dmsjuridica.com\/buscador_20179478954\/corteconstitucionalcronologico202454587\/t-339-18\/\" class=\"_self\" target=\"_self\" >T-339-18<\/a><\/h4>\n<div class=\"pt-cv-content\">\u00a0 \u00a0 \u00a0 \u00a0 \u00a0T-339-18 \u00a0 \u00a0 \u00a0 \u00a0 \u00a0 \u00a0\u00a0 Sentencia \u00a0 T-339\/18 \u00a0 \u00a0 ACCION DE TUTELA CONTRA PROVIDENCIAS JUDICIALES-Requisitos generales y especiales de procedibilidad \u00a0 \u00a0 DEFECTO PROCEDIMENTAL ABSOLUTO Y DEFECTO PROCEDIMENTAL POR \u00a0 EXCESO RITUAL MANIFIESTO \u00a0 \u00a0 AMPARO DE POBREZA-Finalidad \u00a0 \u00a0 El amparo de pobreza es una instituci\u00f3n de car\u00e1cter procesal \u00a0 desarrollada por el Legislador para favorecer a las personas que por su \u00a0 condici\u00f3n socioecon\u00f3mica no pueden sufragar los gastos derivados de un tr\u00e1mite \u00a0 judicial. De manera que esta figura se instituye legislativamente como una \u00a0 excepci\u00f3n a la regla general, ...<br \/><div class=\"pt-cv-rmwrap\"><a href=\"https:\/\/www.dmsjuridica.com\/buscador_20179478954\/corteconstitucionalcronologico202454587\/t-339-18\/\" class=\"_self pt-cv-readmore btn btn-success\" target=\"_self\">Ver Sentencia Completa...<\/a><\/div><\/div><\/div><\/div>\n<div class=\"col-md-12 col-sm-12 col-xs-12 pt-cv-content-item pt-cv-1-col\" ><div class='pt-cv-ifield'><a href=\"https:\/\/www.dmsjuridica.com\/buscador_20179478954\/corteconstitucionalcronologico202454587\/t-338-18\/\" class=\"_self pt-cv-href-thumbnail pt-cv-thumb-default\" target=\"_self\" ><\/a>\n<div class=\"pt-cv-taxoterm above_title\"><a href='https:\/\/www.dmsjuridica.com\/buscador_20179478954\/corteconstitucionalcronologico202454587\/category\/buscar-en-toda-la-corte\/2018\/tutelas-2018\/' title='Tutelas 2018' class='pt-cv-tax-tutelas-2018'>Tutelas 2018<\/a><\/div>\n<h4 class=\"pt-cv-title\"><a href=\"https:\/\/www.dmsjuridica.com\/buscador_20179478954\/corteconstitucionalcronologico202454587\/t-338-18\/\" class=\"_self\" target=\"_self\" >T-338-18<\/a><\/h4>\n<div class=\"pt-cv-content\">\u00a0 \u00a0 \u00a0 \u00a0 \u00a0T-338-18 \u00a0 \u00a0 \u00a0 \u00a0 \u00a0 \u00a0\u00a0 Sentencia \u00a0 T-338\/18 \u00a0 \u00a0 PROTECCION A MUJERES VICTIMAS DE VIOLENCIA Y LA \u00a0 PERSPECTIVA DE GENERO EN LA ADMINISTRACION DE JUSTICIA \u00a0 \u00a0 ACCION DE TUTELA CONTRA PROVIDENCIAS JUDICIALES EN \u00a0 PROCESO DE VIOLENCIA INTRAFAMILIAR-Procedencia \u00a0 por violaci\u00f3n directa de la Constituci\u00f3n \u00a0 \u00a0 Esta Corte ha precisado que procede la \u00a0 tutela contra providencias judiciales por violaci\u00f3n directa de la Constituci\u00f3n, \u00a0 cuando: a) en la soluci\u00f3n del caso se deja de interpretar y aplicar una \u00a0 disposici\u00f3n legal de conformidad con el precedente constitucional ; b) ...<br \/><div class=\"pt-cv-rmwrap\"><a href=\"https:\/\/www.dmsjuridica.com\/buscador_20179478954\/corteconstitucionalcronologico202454587\/t-338-18\/\" class=\"_self pt-cv-readmore btn btn-success\" target=\"_self\">Ver Sentencia Completa...<\/a><\/div><\/div><\/div><\/div>\n<div class=\"col-md-12 col-sm-12 col-xs-12 pt-cv-content-item pt-cv-1-col\" ><div class='pt-cv-ifield'><a href=\"https:\/\/www.dmsjuridica.com\/buscador_20179478954\/corteconstitucionalcronologico202454587\/t-337-18\/\" class=\"_self pt-cv-href-thumbnail pt-cv-thumb-default\" target=\"_self\" ><\/a>\n<div class=\"pt-cv-taxoterm above_title\"><a href='https:\/\/www.dmsjuridica.com\/buscador_20179478954\/corteconstitucionalcronologico202454587\/category\/buscar-en-toda-la-corte\/2018\/tutelas-2018\/' title='Tutelas 2018' class='pt-cv-tax-tutelas-2018'>Tutelas 2018<\/a><\/div>\n<h4 class=\"pt-cv-title\"><a href=\"https:\/\/www.dmsjuridica.com\/buscador_20179478954\/corteconstitucionalcronologico202454587\/t-337-18\/\" class=\"_self\" target=\"_self\" >T-337-18<\/a><\/h4>\n<div class=\"pt-cv-content\">\u00a0 \u00a0 \u00a0 \u00a0 \u00a0T-337-18 \u00a0 \u00a0 \u00a0 \u00a0 \u00a0 \u00a0\u00a0 Sentencia \u00a0 T-337\/18 \u00a0 \u00a0 PRINCIPIO DE SUBSIDIARIEDAD DE LA \u00a0 ACCION DE TUTELA PARA RECONOCIMIENTO DE PENSION DE VEJEZ-Procedencia por cuanto medios de \u00a0 defensa ordinarios no son efectivos \u00a0 \u00a0 El principio de subsidiariedad en el \u00e1mbito de la seguridad social \u00a0 implica que, por regla general, la acci\u00f3n de tutela no puede utilizarse para el \u00a0 reconocimiento y pago de acreencias pensionales, ya que existen mecanismos \u00a0 judiciales ordinarios con los que pueden debatirse dichos asuntos y que pueden \u00a0 presentarse ante la jurisdicci\u00f3n laboral, pues ...<br \/><div class=\"pt-cv-rmwrap\"><a href=\"https:\/\/www.dmsjuridica.com\/buscador_20179478954\/corteconstitucionalcronologico202454587\/t-337-18\/\" class=\"_self pt-cv-readmore btn btn-success\" target=\"_self\">Ver Sentencia Completa...<\/a><\/div><\/div><\/div><\/div>\n<div class=\"col-md-12 col-sm-12 col-xs-12 pt-cv-content-item pt-cv-1-col\" ><div class='pt-cv-ifield'><a href=\"https:\/\/www.dmsjuridica.com\/buscador_20179478954\/corteconstitucionalcronologico202454587\/t-336-18\/\" class=\"_self pt-cv-href-thumbnail pt-cv-thumb-default\" target=\"_self\" ><\/a>\n<div class=\"pt-cv-taxoterm above_title\"><a href='https:\/\/www.dmsjuridica.com\/buscador_20179478954\/corteconstitucionalcronologico202454587\/category\/buscar-en-toda-la-corte\/2018\/tutelas-2018\/' title='Tutelas 2018' class='pt-cv-tax-tutelas-2018'>Tutelas 2018<\/a><\/div>\n<h4 class=\"pt-cv-title\"><a href=\"https:\/\/www.dmsjuridica.com\/buscador_20179478954\/corteconstitucionalcronologico202454587\/t-336-18\/\" class=\"_self\" target=\"_self\" >T-336-18<\/a><\/h4>\n<div class=\"pt-cv-content\">\u00a0 \u00a0 \u00a0 \u00a0 \u00a0T-336-18 \u00a0 \u00a0 \u00a0 \u00a0 \u00a0 \u00a0\u00a0 Sentencia T-336\/18 \u00a0 \u00a0 DERECHO FUNDAMENTAL A LA SALUD-Contenido y alcance \u00a0 \u00a0 DERECHO A LA SALUD-Dimensi\u00f3n positiva y negativa \u00a0 \u00a0 El Legislador estatutario estableci\u00f3 una lista de \u00a0 obligaciones para el Estado en la Ley 1751 de 2015, cuya lectura no puede \u00a0 realizarse de forma restrictiva, pues responde al mandato amplio del deber del \u00a0 Estado de adoptar medidas de respeto, protecci\u00f3n y garant\u00eda del derecho a la \u00a0 salud. Estos deberes incluyen dimensiones positivas y negativas. \u00a0 \u00a0 ELEMENTOS ESENCIALES DEL DERECHO A LA SALUD-Accesibilidad ...<br \/><div class=\"pt-cv-rmwrap\"><a href=\"https:\/\/www.dmsjuridica.com\/buscador_20179478954\/corteconstitucionalcronologico202454587\/t-336-18\/\" class=\"_self pt-cv-readmore btn btn-success\" target=\"_self\">Ver Sentencia Completa...<\/a><\/div><\/div><\/div><\/div>\n<div class=\"col-md-12 col-sm-12 col-xs-12 pt-cv-content-item pt-cv-1-col\" ><div class='pt-cv-ifield'><a href=\"https:\/\/www.dmsjuridica.com\/buscador_20179478954\/corteconstitucionalcronologico202454587\/t-335-18\/\" class=\"_self pt-cv-href-thumbnail pt-cv-thumb-default\" target=\"_self\" ><\/a>\n<div class=\"pt-cv-taxoterm above_title\"><a href='https:\/\/www.dmsjuridica.com\/buscador_20179478954\/corteconstitucionalcronologico202454587\/category\/buscar-en-toda-la-corte\/2018\/tutelas-2018\/' title='Tutelas 2018' class='pt-cv-tax-tutelas-2018'>Tutelas 2018<\/a><\/div>\n<h4 class=\"pt-cv-title\"><a href=\"https:\/\/www.dmsjuridica.com\/buscador_20179478954\/corteconstitucionalcronologico202454587\/t-335-18\/\" class=\"_self\" target=\"_self\" >T-335-18<\/a><\/h4>\n<div class=\"pt-cv-content\">\u00a0 \u00a0 \u00a0 \u00a0 \u00a0T-335-18 \u00a0 \u00a0 \u00a0 \u00a0 \u00a0 \u00a0\u00a0 Sentencia T-335\/18 \u00a0 \u00a0 ACCION DE TUTELA CONTRA PROVIDENCIAS \u00a0 JUDICIALES-Requisitos \u00a0 generales y especiales de procedibilidad \u00a0 \u00a0 PRINCIPIO DE SUBSIDIARIEDAD COMO REQUISITO \u00a0 DE LA ACCION DE TUTELA CONTRA PROVIDENCIAS JUDICIALES-An\u00e1lisis de la solicitud de amparo cuando el \u00a0 proceso judicial se encuentra en curso \u00a0 \u00a0 ACCION DE TUTELA CONTRA PROVIDENCIAS \u00a0 JUDICIALES-Improcedencia \u00a0 por existir recursos en proceso penal que a\u00fan est\u00e1 en curso y no acreditar \u00a0 perjuicio irremediable \u00a0 \u00a0 Referencia: Expediente T-6.609.985 \u00a0 \u00a0 Acci\u00f3n de tutela instaurada por Luz Adriana \u00a0 ...<br \/><div class=\"pt-cv-rmwrap\"><a href=\"https:\/\/www.dmsjuridica.com\/buscador_20179478954\/corteconstitucionalcronologico202454587\/t-335-18\/\" class=\"_self pt-cv-readmore btn btn-success\" target=\"_self\">Ver Sentencia Completa...<\/a><\/div><\/div><\/div><\/div>\n<div class=\"col-md-12 col-sm-12 col-xs-12 pt-cv-content-item pt-cv-1-col\" ><div class='pt-cv-ifield'><a href=\"https:\/\/www.dmsjuridica.com\/buscador_20179478954\/corteconstitucionalcronologico202454587\/t-334-18\/\" class=\"_self pt-cv-href-thumbnail pt-cv-thumb-default\" target=\"_self\" ><\/a>\n<div class=\"pt-cv-taxoterm above_title\"><a href='https:\/\/www.dmsjuridica.com\/buscador_20179478954\/corteconstitucionalcronologico202454587\/category\/buscar-en-toda-la-corte\/2018\/tutelas-2018\/' title='Tutelas 2018' class='pt-cv-tax-tutelas-2018'>Tutelas 2018<\/a><\/div>\n<h4 class=\"pt-cv-title\"><a href=\"https:\/\/www.dmsjuridica.com\/buscador_20179478954\/corteconstitucionalcronologico202454587\/t-334-18\/\" class=\"_self\" target=\"_self\" >T-334-18<\/a><\/h4>\n<div class=\"pt-cv-content\">\u00a0 \u00a0 \u00a0 \u00a0 \u00a0T-334-18 \u00a0 \u00a0 \u00a0 \u00a0 \u00a0 \u00a0\u00a0 Sentencia T-334\/18 \u00a0 \u00a0 ACCION DE TUTELA CONTRA PROVIDENCIAS JUDICIALES-Requisitos generales y especiales de procedibilidad \u00a0 \u00a0 TERMINO DE CADUCIDAD DE LA ACCION DE REPARACION DIRECTA-No puede aplicarse de manera absoluta \u00a0 \u00a0 La Corte ha se\u00f1alado que el t\u00e9rmino de caducidad no puede \u00a0 aplicarse de manera absoluta, sino atendiendo a las particularidades del caso, \u00a0 ya que existe la posibilidad de que el afectado conozca o identifique el \u00a0 perjuicio en un momento posterior a aquel en que ocurri\u00f3, motivo por el cual, le \u00a0 corresponde al ...<br \/><div class=\"pt-cv-rmwrap\"><a href=\"https:\/\/www.dmsjuridica.com\/buscador_20179478954\/corteconstitucionalcronologico202454587\/t-334-18\/\" class=\"_self pt-cv-readmore btn btn-success\" target=\"_self\">Ver Sentencia Completa...<\/a><\/div><\/div><\/div><\/div>\n<div class=\"col-md-12 col-sm-12 col-xs-12 pt-cv-content-item pt-cv-1-col\" ><div class='pt-cv-ifield'><a href=\"https:\/\/www.dmsjuridica.com\/buscador_20179478954\/corteconstitucionalcronologico202454587\/t-333-18\/\" class=\"_self pt-cv-href-thumbnail pt-cv-thumb-default\" target=\"_self\" ><\/a>\n<div class=\"pt-cv-taxoterm above_title\"><a href='https:\/\/www.dmsjuridica.com\/buscador_20179478954\/corteconstitucionalcronologico202454587\/category\/buscar-en-toda-la-corte\/2018\/tutelas-2018\/' title='Tutelas 2018' class='pt-cv-tax-tutelas-2018'>Tutelas 2018<\/a><\/div>\n<h4 class=\"pt-cv-title\"><a href=\"https:\/\/www.dmsjuridica.com\/buscador_20179478954\/corteconstitucionalcronologico202454587\/t-333-18\/\" class=\"_self\" target=\"_self\" >T-333-18<\/a><\/h4>\n<div class=\"pt-cv-content\">\u00a0 \u00a0 \u00a0 \u00a0 \u00a0T-333-18 \u00a0 \u00a0 \u00a0 \u00a0 \u00a0 \u00a0\u00a0 Sentencia T-333\/18 \u00a0 \u00a0 DERECHO DE \u00a0 PETICION ANTE PARTICULARES-Procede \u00a0 frente a propiedad horizontal \u00a0 \u00a0 ACCION DE \u00a0 TUTELA CONTRA PROPIEDAD HORIZONTAL-Procedencia \u00a0 excepcional \u00a0 \u00a0 De acuerdo con la reiterada jurisprudencia de la Corte Constitucional \u00a0 sobre la materia, por un lado, la acci\u00f3n de tutela es procedente cuando un \u00a0 copropietario o residente de una propiedad horizontal la presenta contra los \u00a0 \u00f3rganos de administraci\u00f3n de esta, pues el primero se encuentra en una situaci\u00f3n \u00a0 de subordinaci\u00f3n frente a los segundos. \u00a0 \u00a0 DERECHO ...<br \/><div class=\"pt-cv-rmwrap\"><a href=\"https:\/\/www.dmsjuridica.com\/buscador_20179478954\/corteconstitucionalcronologico202454587\/t-333-18\/\" class=\"_self pt-cv-readmore btn btn-success\" target=\"_self\">Ver Sentencia Completa...<\/a><\/div><\/div><\/div><\/div>\n<div class=\"col-md-12 col-sm-12 col-xs-12 pt-cv-content-item pt-cv-1-col\" ><div class='pt-cv-ifield'><a href=\"https:\/\/www.dmsjuridica.com\/buscador_20179478954\/corteconstitucionalcronologico202454587\/t-332-18\/\" class=\"_self pt-cv-href-thumbnail pt-cv-thumb-default\" target=\"_self\" ><\/a>\n<div class=\"pt-cv-taxoterm above_title\"><a href='https:\/\/www.dmsjuridica.com\/buscador_20179478954\/corteconstitucionalcronologico202454587\/category\/buscar-en-toda-la-corte\/2018\/tutelas-2018\/' title='Tutelas 2018' class='pt-cv-tax-tutelas-2018'>Tutelas 2018<\/a><\/div>\n<h4 class=\"pt-cv-title\"><a href=\"https:\/\/www.dmsjuridica.com\/buscador_20179478954\/corteconstitucionalcronologico202454587\/t-332-18\/\" class=\"_self\" target=\"_self\" >T-332-18<\/a><\/h4>\n<div class=\"pt-cv-content\">\u00a0 \u00a0 \u00a0 \u00a0 \u00a0T-332-18 \u00a0 \u00a0 \u00a0 \u00a0 \u00a0 \u00a0\u00a0 Sentencia T-332\/18 \u00a0 \u00a0 ACCION DE TUTELA CONTRA ACTOS \u00a0 ADMINISTRATIVOS DE CARACTER PARTICULAR Y CONCRETO-Procedencia excepcional \u00a0 \u00a0 Espec\u00edficamente, trat\u00e1ndose de la acci\u00f3n de tutela contra \u00a0 actos administrativos de car\u00e1cter particular y concreto, la Corte ha \u00a0 indicado\u00a0que la excepcionalidad del recurso de amparo se torna especialmente \u00a0 estricta, en tanto no\u00a0es el mecanismo id\u00f3neo para atacarlos ya que, por su propia \u00a0 naturaleza, se encuentran amparados por el principio de legalidad, pues se parte \u00a0 del presupuesto de que la administraci\u00f3n, al momento de manifestarse a ...<br \/><div class=\"pt-cv-rmwrap\"><a href=\"https:\/\/www.dmsjuridica.com\/buscador_20179478954\/corteconstitucionalcronologico202454587\/t-332-18\/\" class=\"_self pt-cv-readmore btn btn-success\" target=\"_self\">Ver Sentencia Completa...<\/a><\/div><\/div><\/div><\/div>\n<div class=\"col-md-12 col-sm-12 col-xs-12 pt-cv-content-item pt-cv-1-col\" ><div class='pt-cv-ifield'><a href=\"https:\/\/www.dmsjuridica.com\/buscador_20179478954\/corteconstitucionalcronologico202454587\/t-331-18\/\" class=\"_self pt-cv-href-thumbnail pt-cv-thumb-default\" target=\"_self\" ><\/a>\n<div class=\"pt-cv-taxoterm above_title\"><a href='https:\/\/www.dmsjuridica.com\/buscador_20179478954\/corteconstitucionalcronologico202454587\/category\/buscar-en-toda-la-corte\/2018\/tutelas-2018\/' title='Tutelas 2018' class='pt-cv-tax-tutelas-2018'>Tutelas 2018<\/a><\/div>\n<h4 class=\"pt-cv-title\"><a href=\"https:\/\/www.dmsjuridica.com\/buscador_20179478954\/corteconstitucionalcronologico202454587\/t-331-18\/\" class=\"_self\" target=\"_self\" >T-331-18<\/a><\/h4>\n<div class=\"pt-cv-content\">\u00a0 \u00a0 \u00a0 \u00a0 \u00a0T-331-18 \u00a0 \u00a0 \u00a0 \u00a0 \u00a0 \u00a0\u00a0 Sentencia T-331\/18 \u00a0 \u00a0 ACCION DE TUTELA \u00a0 CONTRA PARTICULARES CUANDO EXISTE UNA RELACION DE INDEFENSION O SUBORDINACION-Procedencia para \u00a0 proteger derechos de trabajador, quien fue despedido mientras se encontraba en \u00a0 tratamiento de c\u00e1ncer y no fue afiliado a sistema de \u00a0 seguridad social \u00a0 \u00a0 DERECHO A LA \u00a0 ESTABILIDAD LABORAL REFORZADA-Procedencia excepcional de la acci\u00f3n de \u00a0 tutela para su protecci\u00f3n cuando el trabajador se encuentra en estado de \u00a0 debilidad manifiesta \u00a0 \u00a0 OBLIGACION DEL \u00a0 EMPLEADOR DE AFILIAR AL TRABAJADOR AL REGIMEN DE \u00a0 ...<br \/><div class=\"pt-cv-rmwrap\"><a href=\"https:\/\/www.dmsjuridica.com\/buscador_20179478954\/corteconstitucionalcronologico202454587\/t-331-18\/\" class=\"_self pt-cv-readmore btn btn-success\" target=\"_self\">Ver Sentencia Completa...<\/a><\/div><\/div><\/div><\/div>\n<div class=\"col-md-12 col-sm-12 col-xs-12 pt-cv-content-item pt-cv-1-col\" ><div class='pt-cv-ifield'><a href=\"https:\/\/www.dmsjuridica.com\/buscador_20179478954\/corteconstitucionalcronologico202454587\/t-330-18\/\" class=\"_self pt-cv-href-thumbnail pt-cv-thumb-default\" target=\"_self\" ><\/a>\n<div class=\"pt-cv-taxoterm above_title\"><a href='https:\/\/www.dmsjuridica.com\/buscador_20179478954\/corteconstitucionalcronologico202454587\/category\/buscar-en-toda-la-corte\/2018\/tutelas-2018\/' title='Tutelas 2018' class='pt-cv-tax-tutelas-2018'>Tutelas 2018<\/a><\/div>\n<h4 class=\"pt-cv-title\"><a href=\"https:\/\/www.dmsjuridica.com\/buscador_20179478954\/corteconstitucionalcronologico202454587\/t-330-18\/\" class=\"_self\" target=\"_self\" >T-330-18<\/a><\/h4>\n<div class=\"pt-cv-content\">\u00a0 \u00a0 \u00a0 \u00a0 \u00a0T-330-18 \u00a0 \u00a0 \u00a0 \u00a0 \u00a0 \u00a0\u00a0 ACCION DE TUTELA CONTRA PROVIDENCIAS JUDICIALES-Requisitos generales y especiales de procedibilidad \u00a0 \u00a0 CARACTERIZACION DEL DEFECTO FACTICO COMO CAUSAL \u00a0 ESPECIFICA DE PROCEDIBILIDAD DE LA ACCION DE TUTELA CONTRA PROVIDENCIAS \u00a0 JUDICIALES \u00a0 \u00a0 El defecto f\u00e1ctico es una causal especial de \u00a0 procedencia de la tutela contra providencias judiciales, en tanto que el estudio \u00a0 del material probatorio se debe hacer a la luz de las reglas de la sana cr\u00edtica. \u00a0 No obstante, siempre ser\u00e1 el juez natural quien, en principio, deba definir el \u00a0 grado de ...<br \/><div class=\"pt-cv-rmwrap\"><a href=\"https:\/\/www.dmsjuridica.com\/buscador_20179478954\/corteconstitucionalcronologico202454587\/t-330-18\/\" class=\"_self pt-cv-readmore btn btn-success\" target=\"_self\">Ver Sentencia Completa...<\/a><\/div><\/div><\/div><\/div>\n<div class=\"col-md-12 col-sm-12 col-xs-12 pt-cv-content-item pt-cv-1-col\" ><div class='pt-cv-ifield'><a href=\"https:\/\/www.dmsjuridica.com\/buscador_20179478954\/corteconstitucionalcronologico202454587\/t-329-18\/\" class=\"_self pt-cv-href-thumbnail pt-cv-thumb-default\" target=\"_self\" ><\/a>\n<div class=\"pt-cv-taxoterm above_title\"><a href='https:\/\/www.dmsjuridica.com\/buscador_20179478954\/corteconstitucionalcronologico202454587\/category\/buscar-en-toda-la-corte\/2018\/tutelas-2018\/' title='Tutelas 2018' class='pt-cv-tax-tutelas-2018'>Tutelas 2018<\/a><\/div>\n<h4 class=\"pt-cv-title\"><a href=\"https:\/\/www.dmsjuridica.com\/buscador_20179478954\/corteconstitucionalcronologico202454587\/t-329-18\/\" class=\"_self\" target=\"_self\" >T-329-18<\/a><\/h4>\n<div class=\"pt-cv-content\">\u00a0 \u00a0 \u00a0 \u00a0 \u00a0T-329-18 \u00a0 \u00a0 \u00a0 \u00a0 \u00a0 \u00a0\u00a0 Sentencia T-329\/18 \u00a0 \u00a0 PRINCIPIO DE SUBSIDIARIEDAD COMO \u00a0 REQUISITO DE PROCEDIBILIDAD DE LA ACCION DE TUTELA-Procedencia dada la menor \u00a0 eficacia del mecanismo judicial ante la Superintendencia Nacional de Salud \u00a0 previsto en la ley 1122 de 2007 \u00a0 \u00a0 LEY ESTATUTARIA QUE REGULA EL \u00a0 DERECHO FUNDAMENTAL A LA SALUD-Ley Estatutaria 1751 de 2015 \u00a0 \u00a0 En relaci\u00f3n con la Ley 1751 de 2015, el derecho \u00a0 fundamental a la salud se compone de los elementos esenciales de: \u00a0 disponibilidad, aceptabilidad, accesibilidad y calidad e idoneidad profesional; ...<br \/><div class=\"pt-cv-rmwrap\"><a href=\"https:\/\/www.dmsjuridica.com\/buscador_20179478954\/corteconstitucionalcronologico202454587\/t-329-18\/\" class=\"_self pt-cv-readmore btn btn-success\" target=\"_self\">Ver Sentencia Completa...<\/a><\/div><\/div><\/div><\/div>\n<div class=\"col-md-12 col-sm-12 col-xs-12 pt-cv-content-item pt-cv-1-col\" ><div class='pt-cv-ifield'><a href=\"https:\/\/www.dmsjuridica.com\/buscador_20179478954\/corteconstitucionalcronologico202454587\/t-328-18\/\" class=\"_self pt-cv-href-thumbnail pt-cv-thumb-default\" target=\"_self\" ><\/a>\n<div class=\"pt-cv-taxoterm above_title\"><a href='https:\/\/www.dmsjuridica.com\/buscador_20179478954\/corteconstitucionalcronologico202454587\/category\/buscar-en-toda-la-corte\/2018\/tutelas-2018\/' title='Tutelas 2018' class='pt-cv-tax-tutelas-2018'>Tutelas 2018<\/a><\/div>\n<h4 class=\"pt-cv-title\"><a href=\"https:\/\/www.dmsjuridica.com\/buscador_20179478954\/corteconstitucionalcronologico202454587\/t-328-18\/\" class=\"_self\" target=\"_self\" >T-328-18<\/a><\/h4>\n<div class=\"pt-cv-content\">\u00a0 \u00a0 \u00a0 \u00a0 \u00a0T-328-18 \u00a0 \u00a0 \u00a0 \u00a0 \u00a0 \u00a0\u00a0 Sentencia \u00a0 T-328\/18 \u00a0 \u00a0 CARACTERIZACION DEL DEFECTO \u00a0 MATERIAL O SUSTANTIVO COMO CAUSAL DE PROCEDIBILIDAD DE LA ACCION DE TUTELA \u00a0 CONTRA PROVIDENCIAS JUDICIALES-Reiteraci\u00f3n de jurisprudencia \u00a0 \u00a0 No cualquier diferencia en la interpretaci\u00f3n en que se \u00a0 funda una decisi\u00f3n judicial configura un defecto sustantivo o material, solo \u00a0 aquellas que se consideren irrazonables, desproporcionadas, arbitrarias o \u00a0 caprichosas, pues de no comprobarse, la acci\u00f3n de tutela ser\u00eda improcedente. La \u00a0 irregularidad se\u00f1alada debe ser de tal importancia y gravedad que por su causa \u00a0 se haya ...<br \/><div class=\"pt-cv-rmwrap\"><a href=\"https:\/\/www.dmsjuridica.com\/buscador_20179478954\/corteconstitucionalcronologico202454587\/t-328-18\/\" class=\"_self pt-cv-readmore btn btn-success\" target=\"_self\">Ver Sentencia Completa...<\/a><\/div><\/div><\/div><\/div>\n<div class=\"col-md-12 col-sm-12 col-xs-12 pt-cv-content-item pt-cv-1-col\" ><div class='pt-cv-ifield'><a href=\"https:\/\/www.dmsjuridica.com\/buscador_20179478954\/corteconstitucionalcronologico202454587\/t-327-18\/\" class=\"_self pt-cv-href-thumbnail pt-cv-thumb-default\" target=\"_self\" ><\/a>\n<div class=\"pt-cv-taxoterm above_title\"><a href='https:\/\/www.dmsjuridica.com\/buscador_20179478954\/corteconstitucionalcronologico202454587\/category\/buscar-en-toda-la-corte\/2018\/tutelas-2018\/' title='Tutelas 2018' class='pt-cv-tax-tutelas-2018'>Tutelas 2018<\/a><\/div>\n<h4 class=\"pt-cv-title\"><a href=\"https:\/\/www.dmsjuridica.com\/buscador_20179478954\/corteconstitucionalcronologico202454587\/t-327-18\/\" class=\"_self\" target=\"_self\" >T-327-18<\/a><\/h4>\n<div class=\"pt-cv-content\">\u00a0 \u00a0 \u00a0 \u00a0 \u00a0T-327-18 \u00a0 \u00a0 \u00a0 \u00a0 \u00a0 \u00a0\u00a0 Sentencia T-327\/18 \u00a0 \u00a0 DERECHO A LA VIVIENDA \u00a0 DIGNA-Naturaleza jur\u00eddica, alcance y contenido \u00a0 \u00a0 PROCESOS \u00a0 ADMINISTRATIVOS SANCIONATORIOS-Principio de proporcionalidad y razonabilidad \u00a0 \u00a0 Las actuaciones administrativas \u00a0 sancionatorias est\u00e1n sujetas al principio de proporcionalidad, ya que no pueden \u00a0 poner en riesgos otros valores constitucionales sin justificar por qu\u00e9 la \u00a0 sanci\u00f3n impuesta se ajusta a este principio. \u00a0 \u00a0 FACULTADES \u00a0 SANCIONATORIAS DE LAS ENTIDADES TERRITORIALES PARA HACER CUMPLIR LAS NORMAS \u00a0 URBANISTICAS Y LOS PLANES DE ORDENAMIENTO TERRITORIAL-Alcance \u00a0 \u00a0 La Ley 388 de ...<br \/><div class=\"pt-cv-rmwrap\"><a href=\"https:\/\/www.dmsjuridica.com\/buscador_20179478954\/corteconstitucionalcronologico202454587\/t-327-18\/\" class=\"_self pt-cv-readmore btn btn-success\" target=\"_self\">Ver Sentencia Completa...<\/a><\/div><\/div><\/div><\/div>\n<div class=\"col-md-12 col-sm-12 col-xs-12 pt-cv-content-item pt-cv-1-col\" ><div class='pt-cv-ifield'><a href=\"https:\/\/www.dmsjuridica.com\/buscador_20179478954\/corteconstitucionalcronologico202454587\/t-326-18\/\" class=\"_self pt-cv-href-thumbnail pt-cv-thumb-default\" target=\"_self\" ><\/a>\n<div class=\"pt-cv-taxoterm above_title\"><a href='https:\/\/www.dmsjuridica.com\/buscador_20179478954\/corteconstitucionalcronologico202454587\/category\/buscar-en-toda-la-corte\/2018\/tutelas-2018\/' title='Tutelas 2018' class='pt-cv-tax-tutelas-2018'>Tutelas 2018<\/a><\/div>\n<h4 class=\"pt-cv-title\"><a href=\"https:\/\/www.dmsjuridica.com\/buscador_20179478954\/corteconstitucionalcronologico202454587\/t-326-18\/\" class=\"_self\" target=\"_self\" >T-326-18<\/a><\/h4>\n<div class=\"pt-cv-content\">\u00a0 \u00a0 \u00a0 \u00a0 \u00a0T-326-18 \u00a0 \u00a0 \u00a0 \u00a0 \u00a0 \u00a0\u00a0 Sentencia T-326\/18 \u00a0 \u00a0 CARENCIA \u00a0 ACTUAL DE OBJETO-Fen\u00f3meno que se configura en los siguientes eventos: hecho \u00a0 superado, da\u00f1o consumado o situaci\u00f3n sobreviniente \u00a0 \u00a0 CARENCIA \u00a0 ACTUAL DE OBJETO POR HECHO SUPERADO-Se reconoci\u00f3 pensi\u00f3n de vejez \u00a0 \u00a0 Expediente T-6.666.912 \u00a0 \u00a0 Acci\u00f3n de tutela presentada por Jes\u00fas Ernesto Vel\u00e1squez Serrano \u00a0 contra la Administradora Colombiana de Pensiones COLPENSIONES \u00a0 \u00a0 Magistrado Sustanciador: \u00a0 \u00a0 ANTONIO JOS\u00c9 LIZARAZO OCAMPO \u00a0 \u00a0 Bogot\u00e1, D.C., \u00a0 nueve (9) de agosto de dos mil dieciocho (2018) \u00a0 \u00a0 La Sala ...<br \/><div class=\"pt-cv-rmwrap\"><a href=\"https:\/\/www.dmsjuridica.com\/buscador_20179478954\/corteconstitucionalcronologico202454587\/t-326-18\/\" class=\"_self pt-cv-readmore btn btn-success\" target=\"_self\">Ver Sentencia Completa...<\/a><\/div><\/div><\/div><\/div>\n<div class=\"col-md-12 col-sm-12 col-xs-12 pt-cv-content-item pt-cv-1-col\" ><div class='pt-cv-ifield'><a href=\"https:\/\/www.dmsjuridica.com\/buscador_20179478954\/corteconstitucionalcronologico202454587\/t-325-18\/\" class=\"_self pt-cv-href-thumbnail pt-cv-thumb-default\" target=\"_self\" ><\/a>\n<div class=\"pt-cv-taxoterm above_title\"><a href='https:\/\/www.dmsjuridica.com\/buscador_20179478954\/corteconstitucionalcronologico202454587\/category\/buscar-en-toda-la-corte\/2018\/tutelas-2018\/' title='Tutelas 2018' class='pt-cv-tax-tutelas-2018'>Tutelas 2018<\/a><\/div>\n<h4 class=\"pt-cv-title\"><a href=\"https:\/\/www.dmsjuridica.com\/buscador_20179478954\/corteconstitucionalcronologico202454587\/t-325-18\/\" class=\"_self\" target=\"_self\" >T-325-18<\/a><\/h4>\n<div class=\"pt-cv-content\">\u00a0 \u00a0 \u00a0 \u00a0 \u00a0T-325-18 \u00a0 \u00a0 \u00a0 \u00a0 \u00a0 \u00a0\u00a0 Sentencia T-325\/18 \u00a0 \u00a0 ACCION DE TUTELA PARA ORDENAR REINTEGRO DE TRABAJADOR-Procedencia \u00a0 excepcional \u00a0 \u00a0 Si bien por regla general la tutela no es procedente para solicitar \u00a0 el reintegro de un trabajador, si proceder\u00e1 si en el caso concreto se evidencia \u00a0 que los mecanismos ordinarios no resultan eficaces para lograr una protecci\u00f3n \u00a0 efectiva de los derechos fundamentales. En el caso particular de los \u00a0 prepensionados, la edad y el hecho de que el antiguo salario sea el \u00fanico medio \u00a0 de sustento de quien solicita ...<br \/><div class=\"pt-cv-rmwrap\"><a href=\"https:\/\/www.dmsjuridica.com\/buscador_20179478954\/corteconstitucionalcronologico202454587\/t-325-18\/\" class=\"_self pt-cv-readmore btn btn-success\" target=\"_self\">Ver Sentencia Completa...<\/a><\/div><\/div><\/div><\/div>\n<div class=\"col-md-12 col-sm-12 col-xs-12 pt-cv-content-item pt-cv-1-col\" ><div class='pt-cv-ifield'><a href=\"https:\/\/www.dmsjuridica.com\/buscador_20179478954\/corteconstitucionalcronologico202454587\/t-324-18\/\" class=\"_self pt-cv-href-thumbnail pt-cv-thumb-default\" target=\"_self\" ><\/a>\n<div class=\"pt-cv-taxoterm above_title\"><a href='https:\/\/www.dmsjuridica.com\/buscador_20179478954\/corteconstitucionalcronologico202454587\/category\/buscar-en-toda-la-corte\/2018\/tutelas-2018\/' title='Tutelas 2018' class='pt-cv-tax-tutelas-2018'>Tutelas 2018<\/a><\/div>\n<h4 class=\"pt-cv-title\"><a href=\"https:\/\/www.dmsjuridica.com\/buscador_20179478954\/corteconstitucionalcronologico202454587\/t-324-18\/\" class=\"_self\" target=\"_self\" >T-324-18<\/a><\/h4>\n<div class=\"pt-cv-content\">\u00a0 \u00a0 \u00a0 \u00a0 \u00a0T-324-18 \u00a0 \u00a0 \u00a0 \u00a0 \u00a0 \u00a0\u00a0 Sentencia \u00a0 T-324\/18 \u00a0 \u00a0 ACCION DE \u00a0 TUTELA PARA EL RECONOCIMIENTO Y PAGO DE PENSION DE VEJEZ-Procedencia \u00a0 excepcional \u00a0 \u00a0 PENSION DE \u00a0 VEJEZ-Requisitos \u00a0 \u00a0 ACCION DE TUTELA PARA RECLAMAR PENSION \u00a0 DE VEJEZ-Improcedencia \u00a0 por incumplirse requisito de subsidiariedad \u00a0 \u00a0 La acci\u00f3n de tutela no resulta procedente, ya que el accionante \u00a0 tiene a su alcance el proceso ordinario laboral para debatir su derecho a la \u00a0 pensi\u00f3n de vejez en el r\u00e9gimen de transici\u00f3n, el cual, adem\u00e1s de que ya se \u00a0 encuentra ...<br \/><div class=\"pt-cv-rmwrap\"><a href=\"https:\/\/www.dmsjuridica.com\/buscador_20179478954\/corteconstitucionalcronologico202454587\/t-324-18\/\" class=\"_self pt-cv-readmore btn btn-success\" target=\"_self\">Ver Sentencia Completa...<\/a><\/div><\/div><\/div><\/div>\n<div class=\"col-md-12 col-sm-12 col-xs-12 pt-cv-content-item pt-cv-1-col\" ><div class='pt-cv-ifield'><a href=\"https:\/\/www.dmsjuridica.com\/buscador_20179478954\/corteconstitucionalcronologico202454587\/t-323-18\/\" class=\"_self pt-cv-href-thumbnail pt-cv-thumb-default\" target=\"_self\" ><\/a>\n<div class=\"pt-cv-taxoterm above_title\"><a href='https:\/\/www.dmsjuridica.com\/buscador_20179478954\/corteconstitucionalcronologico202454587\/category\/buscar-en-toda-la-corte\/2018\/tutelas-2018\/' title='Tutelas 2018' class='pt-cv-tax-tutelas-2018'>Tutelas 2018<\/a><\/div>\n<h4 class=\"pt-cv-title\"><a href=\"https:\/\/www.dmsjuridica.com\/buscador_20179478954\/corteconstitucionalcronologico202454587\/t-323-18\/\" class=\"_self\" target=\"_self\" >T-323-18<\/a><\/h4>\n<div class=\"pt-cv-content\">\u00a0 \u00a0 \u00a0 \u00a0 \u00a0T-323-18 \u00a0 \u00a0 \u00a0 \u00a0 \u00a0 \u00a0\u00a0 Sentencia \u00a0 T-323\/18 \u00a0 \u00a0 PENSION DE INVALIDEZ COMO COMPONENTE ESENCIAL DE LA SEGURIDAD \u00a0 SOCIAL DE PERSONAS EN SITUACION DE DISCAPACIDAD-Reiteraci\u00f3n de jurisprudencia \u00a0 \u00a0 La \u00a0 pensi\u00f3n de invalidez es un componente esencial del derecho fundamental a la \u00a0 seguridad social, el cual no solo goza de una garant\u00eda constitucional, sino que \u00a0 de igual manera est\u00e1 protegido de forma contundente en el \u00e1mbito internacional. \u00a0 Ello no es m\u00e1s que el resultado de la idea de progreso universal de las \u00a0 sociedades, incluida esta, y del ...<br \/><div class=\"pt-cv-rmwrap\"><a href=\"https:\/\/www.dmsjuridica.com\/buscador_20179478954\/corteconstitucionalcronologico202454587\/t-323-18\/\" class=\"_self pt-cv-readmore btn btn-success\" target=\"_self\">Ver Sentencia Completa...<\/a><\/div><\/div><\/div><\/div>\n<div class=\"col-md-12 col-sm-12 col-xs-12 pt-cv-content-item pt-cv-1-col\" ><div class='pt-cv-ifield'><a href=\"https:\/\/www.dmsjuridica.com\/buscador_20179478954\/corteconstitucionalcronologico202454587\/t-322-18\/\" class=\"_self pt-cv-href-thumbnail pt-cv-thumb-default\" target=\"_self\" ><\/a>\n<div class=\"pt-cv-taxoterm above_title\"><a href='https:\/\/www.dmsjuridica.com\/buscador_20179478954\/corteconstitucionalcronologico202454587\/category\/buscar-en-toda-la-corte\/2018\/tutelas-2018\/' title='Tutelas 2018' class='pt-cv-tax-tutelas-2018'>Tutelas 2018<\/a><\/div>\n<h4 class=\"pt-cv-title\"><a href=\"https:\/\/www.dmsjuridica.com\/buscador_20179478954\/corteconstitucionalcronologico202454587\/t-322-18\/\" class=\"_self\" target=\"_self\" >T-322-18<\/a><\/h4>\n<div class=\"pt-cv-content\">\u00a0 \u00a0 \u00a0 \u00a0 \u00a0T-322-18 \u00a0 \u00a0 \u00a0 \u00a0 \u00a0 \u00a0\u00a0 Sentencia T-322\/18 \u00a0 \u00a0 DERECHO FUNDAMENTAL A LA SALUD-Naturaleza y alcance \u00a0 \u00a0 ELEMENTOS ESENCIALES DEL DERECHO A LA SALUD-Accesibilidad econ\u00f3mica, disponibilidad, aceptabilidad y calidad \u00a0 \u00a0 ACCESO A SERVICIOS Y MEDICAMENTOS EXCLUIDOS DEL PLAN DE \u00a0 BENEFICIOS EN SALUD-Reglas jurisprudenciales \u00a0 para acceder a los servicios que se encuentran excluidos \u00a0 \u00a0 Este Tribunal ha \u00a0 insistido en que la interrupci\u00f3n o negaci\u00f3n de la prestaci\u00f3n del servicio de \u00a0 salud por parte de una EPS como consecuencia de tr\u00e1mites administrativos \u00a0 injustificados, desproporcionados e impertinentes, no puede ...<br \/><div class=\"pt-cv-rmwrap\"><a href=\"https:\/\/www.dmsjuridica.com\/buscador_20179478954\/corteconstitucionalcronologico202454587\/t-322-18\/\" class=\"_self pt-cv-readmore btn btn-success\" target=\"_self\">Ver Sentencia Completa...<\/a><\/div><\/div><\/div><\/div>\n<div class=\"col-md-12 col-sm-12 col-xs-12 pt-cv-content-item pt-cv-1-col\" ><div class='pt-cv-ifield'><a href=\"https:\/\/www.dmsjuridica.com\/buscador_20179478954\/corteconstitucionalcronologico202454587\/t-321-18\/\" class=\"_self pt-cv-href-thumbnail pt-cv-thumb-default\" target=\"_self\" ><\/a>\n<div class=\"pt-cv-taxoterm above_title\"><a href='https:\/\/www.dmsjuridica.com\/buscador_20179478954\/corteconstitucionalcronologico202454587\/category\/buscar-en-toda-la-corte\/2018\/tutelas-2018\/' title='Tutelas 2018' class='pt-cv-tax-tutelas-2018'>Tutelas 2018<\/a><\/div>\n<h4 class=\"pt-cv-title\"><a href=\"https:\/\/www.dmsjuridica.com\/buscador_20179478954\/corteconstitucionalcronologico202454587\/t-321-18\/\" class=\"_self\" target=\"_self\" >T-321-18<\/a><\/h4>\n<div class=\"pt-cv-content\">\u00a0 \u00a0 \u00a0 \u00a0 \u00a0T-321-18 \u00a0 \u00a0 \u00a0 \u00a0 \u00a0 \u00a0\u00a0 Sentencia T-321\/18 \u00a0 \u00a0 ACCION DE \u00a0 TUTELA PARA RECONOCIMIENTO DE PENSION DE SOBREVIVIENTES-Procedencia \u00a0 excepcional cuando afecta derechos fundamentales \u00a0 \u00a0 SUSTITUCION \u00a0 PENSIONAL O PENSION DE SOBREVIVIENTES-R\u00e9gimen jur\u00eddico \u00a0 \u00a0 SUSTITUCION \u00a0 PENSIONAL-Naturaleza, finalidad y principios constitucionales \u00a0 \u00a0 Principios \u00a0 constitucionales tales como la solidaridad , la defensa de la familia como \u00a0 n\u00facleo fundamental de la sociedad , el derecho irrenunciable a la seguridad \u00a0 social de todos los habitantes del pa\u00eds , la obligaci\u00f3n del Estado de proteger a \u00a0 los menores de edad ...<br \/><div class=\"pt-cv-rmwrap\"><a href=\"https:\/\/www.dmsjuridica.com\/buscador_20179478954\/corteconstitucionalcronologico202454587\/t-321-18\/\" class=\"_self pt-cv-readmore btn btn-success\" target=\"_self\">Ver Sentencia Completa...<\/a><\/div><\/div><\/div><\/div>\n<div class=\"col-md-12 col-sm-12 col-xs-12 pt-cv-content-item pt-cv-1-col\" ><div class='pt-cv-ifield'><a href=\"https:\/\/www.dmsjuridica.com\/buscador_20179478954\/corteconstitucionalcronologico202454587\/t-320-18\/\" class=\"_self pt-cv-href-thumbnail pt-cv-thumb-default\" target=\"_self\" ><\/a>\n<div class=\"pt-cv-taxoterm above_title\"><a href='https:\/\/www.dmsjuridica.com\/buscador_20179478954\/corteconstitucionalcronologico202454587\/category\/buscar-en-toda-la-corte\/2018\/tutelas-2018\/' title='Tutelas 2018' class='pt-cv-tax-tutelas-2018'>Tutelas 2018<\/a><\/div>\n<h4 class=\"pt-cv-title\"><a href=\"https:\/\/www.dmsjuridica.com\/buscador_20179478954\/corteconstitucionalcronologico202454587\/t-320-18\/\" class=\"_self\" target=\"_self\" >T-320-18<\/a><\/h4>\n<div class=\"pt-cv-content\">\u00a0 \u00a0 \u00a0 \u00a0 \u00a0T-320-18 \u00a0 \u00a0 \u00a0 \u00a0 \u00a0 \u00a0\u00a0 Sentencia \u00a0 T-320\/18 \u00a0 \u00a0 DERECHO A LA INDEMNIZACION ADMINISTRATIVA DE VICTIMA DE CONFLICTO \u00a0 ARMADO-Vulneraci\u00f3n \u00a0 por UARIV por negar reconocimiento con base en informaci\u00f3n equivocada \u00a0 \u00a0 CARENCIA ACTUAL DE OBJETO POR HECHO SUPERADO-Se reconoci\u00f3 indemnizaci\u00f3n \u00a0 administrativa \u00a0 \u00a0 Referencia: \u00a0 Expediente T-6.622.268 \u00a0 \u00a0 Acci\u00f3n de tutela \u00a0 instaurada por Blanca Nubia Ram\u00edrez Mendoza contra la Unidad de Atenci\u00f3n \u00a0 y Reparaci\u00f3n Integral a las V\u00edctimas \u00a0 \u00a0 Magistrada \u00a0 Ponente: \u00a0 \u00a0 DIANA FAJARDO \u00a0 RIVERA \u00a0 \u00a0 Bogot\u00e1, D.C., seis (6) de agosto ...<br \/><div class=\"pt-cv-rmwrap\"><a href=\"https:\/\/www.dmsjuridica.com\/buscador_20179478954\/corteconstitucionalcronologico202454587\/t-320-18\/\" class=\"_self pt-cv-readmore btn btn-success\" target=\"_self\">Ver Sentencia Completa...<\/a><\/div><\/div><\/div><\/div>\n<div class=\"col-md-12 col-sm-12 col-xs-12 pt-cv-content-item pt-cv-1-col\" ><div class='pt-cv-ifield'><a href=\"https:\/\/www.dmsjuridica.com\/buscador_20179478954\/corteconstitucionalcronologico202454587\/t-319-18\/\" class=\"_self pt-cv-href-thumbnail pt-cv-thumb-default\" target=\"_self\" ><\/a>\n<div class=\"pt-cv-taxoterm above_title\"><a href='https:\/\/www.dmsjuridica.com\/buscador_20179478954\/corteconstitucionalcronologico202454587\/category\/buscar-en-toda-la-corte\/2018\/tutelas-2018\/' title='Tutelas 2018' class='pt-cv-tax-tutelas-2018'>Tutelas 2018<\/a><\/div>\n<h4 class=\"pt-cv-title\"><a href=\"https:\/\/www.dmsjuridica.com\/buscador_20179478954\/corteconstitucionalcronologico202454587\/t-319-18\/\" class=\"_self\" target=\"_self\" >T-319-18<\/a><\/h4>\n<div class=\"pt-cv-content\">\u00a0 \u00a0 \u00a0 \u00a0 \u00a0T-319-18 \u00a0 \u00a0 \u00a0 \u00a0 \u00a0 \u00a0\u00a0 Sentencia T-319\/18 \u00a0 \u00a0 CARENCIA \u00a0 ACTUAL DE OBJETO-Fen\u00f3meno que se configura en los siguientes eventos: hecho \u00a0 superado, da\u00f1o consumado o situaci\u00f3n sobreviniente \u00a0 \u00a0 CARENCIA \u00a0 ACTUAL DE OBJETO POR HECHO SUPERADO-UARIV orden\u00f3 priorizaci\u00f3n y realiz\u00f3 \u00a0 pago de indemnizaci\u00f3n administrativa \u00a0 \u00a0 Referencia: Expediente T-6.707.561. \u00a0 \u00a0 Acci\u00f3n de tutela interpuesta por Miguel \u00c1ngel \u00a0 Montes Giraldo en contra de la Unidad Administrativa Especial para la Atenci\u00f3n y \u00a0 Reparaci\u00f3n Integral a las V\u00edctimas \u2013UARIV\u2013. \u00a0 \u00a0 Magistrado Ponente: \u00a0 \u00a0 CARLOS BERNAL PULIDO \u00a0 \u00a0 ...<br \/><div class=\"pt-cv-rmwrap\"><a href=\"https:\/\/www.dmsjuridica.com\/buscador_20179478954\/corteconstitucionalcronologico202454587\/t-319-18\/\" class=\"_self pt-cv-readmore btn btn-success\" target=\"_self\">Ver Sentencia Completa...<\/a><\/div><\/div><\/div><\/div>\n<div class=\"col-md-12 col-sm-12 col-xs-12 pt-cv-content-item pt-cv-1-col\" ><div class='pt-cv-ifield'><a href=\"https:\/\/www.dmsjuridica.com\/buscador_20179478954\/corteconstitucionalcronologico202454587\/t-318-18\/\" class=\"_self pt-cv-href-thumbnail pt-cv-thumb-default\" target=\"_self\" ><\/a>\n<div class=\"pt-cv-taxoterm above_title\"><a href='https:\/\/www.dmsjuridica.com\/buscador_20179478954\/corteconstitucionalcronologico202454587\/category\/buscar-en-toda-la-corte\/2018\/tutelas-2018\/' title='Tutelas 2018' class='pt-cv-tax-tutelas-2018'>Tutelas 2018<\/a><\/div>\n<h4 class=\"pt-cv-title\"><a href=\"https:\/\/www.dmsjuridica.com\/buscador_20179478954\/corteconstitucionalcronologico202454587\/t-318-18\/\" class=\"_self\" target=\"_self\" >T-318-18<\/a><\/h4>\n<div class=\"pt-cv-content\">\u00a0 \u00a0 \u00a0 \u00a0 \u00a0T-318-18 \u00a0 \u00a0 \u00a0 \u00a0 \u00a0 \u00a0\u00a0 Sentencia \u00a0 T-318\/18 \u00a0 \u00a0 ACCION DE \u00a0 TUTELA PARA SOLICITAR PROTECCION DEL DERECHO AL AGUA-Procedencia \u00a0 excepcional \u00a0 \u00a0 DERECHO \u00a0 FUNDAMENTAL AL AGUA POTABLE-Alcance y contenido \u00a0 \u00a0 El derecho al agua es de naturaleza \u00a0 fundamental y de car\u00e1cter aut\u00f3nomo, siempre que sea para el consumo humano. En \u00a0 este contexto, procede la Sala a recapitular, brevemente, las reglas definidas \u00a0 por esta Corte cuando se suspende el servicio de acueducto por mora en el pago \u00a0 de las facturas y su relaci\u00f3n con otros derechos ...<br \/><div class=\"pt-cv-rmwrap\"><a href=\"https:\/\/www.dmsjuridica.com\/buscador_20179478954\/corteconstitucionalcronologico202454587\/t-318-18\/\" class=\"_self pt-cv-readmore btn btn-success\" target=\"_self\">Ver Sentencia Completa...<\/a><\/div><\/div><\/div><\/div>\n<div class=\"col-md-12 col-sm-12 col-xs-12 pt-cv-content-item pt-cv-1-col\" ><div class='pt-cv-ifield'><a href=\"https:\/\/www.dmsjuridica.com\/buscador_20179478954\/corteconstitucionalcronologico202454587\/t-317-18\/\" class=\"_self pt-cv-href-thumbnail pt-cv-thumb-default\" target=\"_self\" ><\/a>\n<div class=\"pt-cv-taxoterm above_title\"><a href='https:\/\/www.dmsjuridica.com\/buscador_20179478954\/corteconstitucionalcronologico202454587\/category\/buscar-en-toda-la-corte\/2018\/tutelas-2018\/' title='Tutelas 2018' class='pt-cv-tax-tutelas-2018'>Tutelas 2018<\/a><\/div>\n<h4 class=\"pt-cv-title\"><a href=\"https:\/\/www.dmsjuridica.com\/buscador_20179478954\/corteconstitucionalcronologico202454587\/t-317-18\/\" class=\"_self\" target=\"_self\" >T-317-18<\/a><\/h4>\n<div class=\"pt-cv-content\">\u00a0 \u00a0 \u00a0 \u00a0 \u00a0T-317-18 \u00a0 \u00a0 \u00a0 \u00a0 \u00a0 \u00a0\u00a0 Sentencia \u00a0 T-317\/18 \u00a0 \u00a0 DERECHO A LA SALUD \u00a0 COMO DERECHO FUNDAMENTAL-Reiteraci\u00f3n de jurisprudencia sobre protecci\u00f3n por tutela \u00a0 \u00a0 DERECHO FUNDAMENTAL A \u00a0 LA SALUD-Elementos y \u00a0 principios \u00a0 \u00a0 LEY ESTATUTARIA QUE \u00a0 REGULA EL DERECHO FUNDAMENTAL A LA SALUD-Ley Estatutaria 1751 de 2015 \u00a0 \u00a0 SERVICIO DE \u00a0 TRANSPORTE COMO MEDIO DE ACCESO AL SERVICIO DE SALUD-Alcance \u00a0 \u00a0 SERVICIO DE \u00a0 TRANSPORTE COMO MEDIO DE ACCESO AL SERVICIO DE SALUD-Se requiere de orden de m\u00e9dico \u00a0 tratante \u00a0 \u00a0 Referencia: Expedientes T-6.575.018, T-6.584.927, T-6.575.246 ...<br \/><div class=\"pt-cv-rmwrap\"><a href=\"https:\/\/www.dmsjuridica.com\/buscador_20179478954\/corteconstitucionalcronologico202454587\/t-317-18\/\" class=\"_self pt-cv-readmore btn btn-success\" target=\"_self\">Ver Sentencia Completa...<\/a><\/div><\/div><\/div><\/div>\n<div class=\"col-md-12 col-sm-12 col-xs-12 pt-cv-content-item pt-cv-1-col\" ><div class='pt-cv-ifield'><a href=\"https:\/\/www.dmsjuridica.com\/buscador_20179478954\/corteconstitucionalcronologico202454587\/t-316-18\/\" class=\"_self pt-cv-href-thumbnail pt-cv-thumb-default\" target=\"_self\" ><\/a>\n<div class=\"pt-cv-taxoterm above_title\"><a href='https:\/\/www.dmsjuridica.com\/buscador_20179478954\/corteconstitucionalcronologico202454587\/category\/buscar-en-toda-la-corte\/2018\/tutelas-2018\/' title='Tutelas 2018' class='pt-cv-tax-tutelas-2018'>Tutelas 2018<\/a><\/div>\n<h4 class=\"pt-cv-title\"><a href=\"https:\/\/www.dmsjuridica.com\/buscador_20179478954\/corteconstitucionalcronologico202454587\/t-316-18\/\" class=\"_self\" target=\"_self\" >T-316-18<\/a><\/h4>\n<div class=\"pt-cv-content\">\u00a0 \u00a0 \u00a0 \u00a0 \u00a0T-316-18 \u00a0 \u00a0 \u00a0 \u00a0 \u00a0 \u00a0\u00a0 Sentencia T-316\/18 \u00a0 \u00a0 ACCESO A SERVICIOS DE SALUD-Se debe garantizar en \u00a0 las fases de promoci\u00f3n, prevenci\u00f3n, diagn\u00f3stico, tratamiento, rehabilitaci\u00f3n y \u00a0 paliaci\u00f3n para todas las patolog\u00edas \u00a0 \u00a0 DERECHO A LA SALUD-Desarrollo normativo \u00a0 mediante Ley Estatutaria 1751 de 2015 \u00a0 \u00a0 ACTUALIZACION PLAN DE \u00a0 BENEFICIOS EN SALUD-Seg\u00fan resoluci\u00f3n 5269\/17 \u00a0 \u00a0 ACTUALIZACION PLAN DE \u00a0 BENEFICIOS EN SALUD-Garantiza todos los servicios y tecnolog\u00edas incluidas en la \u00a0 Resoluci\u00f3n 5269\/17, salvo aquellos que sean expresamente excluidos \u00a0 \u00a0 ACCION DE TUTELA Y TRATAMIENTO \u00a0 DE FERTILIDAD-Reiteraci\u00f3n ...<br \/><div class=\"pt-cv-rmwrap\"><a href=\"https:\/\/www.dmsjuridica.com\/buscador_20179478954\/corteconstitucionalcronologico202454587\/t-316-18\/\" class=\"_self pt-cv-readmore btn btn-success\" target=\"_self\">Ver Sentencia Completa...<\/a><\/div><\/div><\/div><\/div>\n<div class=\"col-md-12 col-sm-12 col-xs-12 pt-cv-content-item pt-cv-1-col\" ><div class='pt-cv-ifield'><a href=\"https:\/\/www.dmsjuridica.com\/buscador_20179478954\/corteconstitucionalcronologico202454587\/t-315-18\/\" class=\"_self pt-cv-href-thumbnail pt-cv-thumb-default\" target=\"_self\" ><\/a>\n<div class=\"pt-cv-taxoterm above_title\"><a href='https:\/\/www.dmsjuridica.com\/buscador_20179478954\/corteconstitucionalcronologico202454587\/category\/buscar-en-toda-la-corte\/2018\/tutelas-2018\/' title='Tutelas 2018' class='pt-cv-tax-tutelas-2018'>Tutelas 2018<\/a><\/div>\n<h4 class=\"pt-cv-title\"><a href=\"https:\/\/www.dmsjuridica.com\/buscador_20179478954\/corteconstitucionalcronologico202454587\/t-315-18\/\" class=\"_self\" target=\"_self\" >T-315-18<\/a><\/h4>\n<div class=\"pt-cv-content\">\u00a0 \u00a0 \u00a0 \u00a0 \u00a0T-315-18 \u00a0 \u00a0 \u00a0 \u00a0 \u00a0 \u00a0\u00a0 Sentencia T-315\/18 \u00a0 \u00a0 ACCION DE TUTELA PARA SOLICITAR DEVOLUCION DE SALDOS-Procedencia excepcional \u00a0 \u00a0 NUCLEO ESENCIAL DEL DERECHO DE PETICION-Elementos \u00a0 \u00a0 El \u00a0 derecho de petici\u00f3n se integra por (i) la prerrogativa de formular o elevar la \u00a0 petici\u00f3n, por lo que las pr\u00e1cticas que impidan o restrinjan esta posibilidad \u00a0 resultan, en principio, afectaciones caracterizadas al derecho fundamental de \u00a0 petici\u00f3n; (ii) el derecho a obtener una resoluci\u00f3n o respuesta material, clara y \u00a0 congruente respecto de lo solicitado, independientemente del sentido de lo que \u00a0 ...<br \/><div class=\"pt-cv-rmwrap\"><a href=\"https:\/\/www.dmsjuridica.com\/buscador_20179478954\/corteconstitucionalcronologico202454587\/t-315-18\/\" class=\"_self pt-cv-readmore btn btn-success\" target=\"_self\">Ver Sentencia Completa...<\/a><\/div><\/div><\/div><\/div>\n<div class=\"col-md-12 col-sm-12 col-xs-12 pt-cv-content-item pt-cv-1-col\" ><div class='pt-cv-ifield'><a href=\"https:\/\/www.dmsjuridica.com\/buscador_20179478954\/corteconstitucionalcronologico202454587\/t-314-18\/\" class=\"_self pt-cv-href-thumbnail pt-cv-thumb-default\" target=\"_self\" ><\/a>\n<div class=\"pt-cv-taxoterm above_title\"><a href='https:\/\/www.dmsjuridica.com\/buscador_20179478954\/corteconstitucionalcronologico202454587\/category\/buscar-en-toda-la-corte\/2018\/tutelas-2018\/' title='Tutelas 2018' class='pt-cv-tax-tutelas-2018'>Tutelas 2018<\/a><\/div>\n<h4 class=\"pt-cv-title\"><a href=\"https:\/\/www.dmsjuridica.com\/buscador_20179478954\/corteconstitucionalcronologico202454587\/t-314-18\/\" class=\"_self\" target=\"_self\" >T-314-18<\/a><\/h4>\n<div class=\"pt-cv-content\">\u00a0 \u00a0 \u00a0 \u00a0 \u00a0T-314-18 \u00a0 \u00a0 \u00a0 \u00a0 \u00a0 \u00a0\u00a0 Sentencia T-314\/18 \u00a0 \u00a0 ACCION DE TUTELA TEMERARIA-Requisitos \u00a0 para que se configure\/ACCION DE TUTELA TEMERARIA-Para que se configure temeridad debe evidenciarse \u00a0 la mala fe en el actuar del peticionario \u00a0 \u00a0 TEMERIDAD-Inexistencia para el caso \u00a0 \u00a0 LEGITIMACION POR ACTIVA EN TUTELA-Persona \u00a0 natural que act\u00faa en defensa de sus propios intereses \u00a0 \u00a0 LEGITIMACION POR PASIVA EN TUTELA-Autoridades p\u00fablicas \u00a0 \u00a0 PRINCIPIO DE INMEDIATEZ EN ACCION DE TUTELA-Reglas \u00a0 generales \u00a0 \u00a0 ACCION DE TUTELA Y PRINCIPIO DE INMEDIATEZ-Excepciones \u00a0 para aceptar que se presente en ...<br \/><div class=\"pt-cv-rmwrap\"><a href=\"https:\/\/www.dmsjuridica.com\/buscador_20179478954\/corteconstitucionalcronologico202454587\/t-314-18\/\" class=\"_self pt-cv-readmore btn btn-success\" target=\"_self\">Ver Sentencia Completa...<\/a><\/div><\/div><\/div><\/div>\n<div class=\"col-md-12 col-sm-12 col-xs-12 pt-cv-content-item pt-cv-1-col\" ><div class='pt-cv-ifield'><a href=\"https:\/\/www.dmsjuridica.com\/buscador_20179478954\/corteconstitucionalcronologico202454587\/t-313-18\/\" class=\"_self pt-cv-href-thumbnail pt-cv-thumb-default\" target=\"_self\" ><\/a>\n<div class=\"pt-cv-taxoterm above_title\"><a href='https:\/\/www.dmsjuridica.com\/buscador_20179478954\/corteconstitucionalcronologico202454587\/category\/buscar-en-toda-la-corte\/2018\/tutelas-2018\/' title='Tutelas 2018' class='pt-cv-tax-tutelas-2018'>Tutelas 2018<\/a><\/div>\n<h4 class=\"pt-cv-title\"><a href=\"https:\/\/www.dmsjuridica.com\/buscador_20179478954\/corteconstitucionalcronologico202454587\/t-313-18\/\" class=\"_self\" target=\"_self\" >T-313-18<\/a><\/h4>\n<div class=\"pt-cv-content\">\u00a0 \u00a0 \u00a0 \u00a0 \u00a0T-313-18 \u00a0 \u00a0 \u00a0 \u00a0 \u00a0 \u00a0\u00a0 ACCION DE TUTELA \u00a0 CONTRA PROVIDENCIAS JUDICIALES-Procedencia excepcional \u00a0 \u00a0 ACCION DE TUTELA \u00a0 CONTRA PROVIDENCIAS JUDICIALES-Requisitos generales de procedibilidad \u00a0 \u00a0 ACCION DE TUTELA CONTRA ACTUACIONES REALIZADAS EN EL TRAMITE DE LA \u00a0 ACCION DE TUTELA-Procedencia \u00a0 \u00a0 DERECHO DE ACCESO A LA ADMINISTRACION DE JUSTICIA-Contenido \u00a0 \u00a0 RECHAZO DE ACCION DE TUTELA-Est\u00e1 previsto en el art\u00edculo 17 del Decreto \u00a0 2591\/91\/RECHAZO DE ACCION DE \u00a0 TUTELA-Car\u00e1cter excepcional \u00a0 \u00a0 De \u00a0 conformidad con la jurisprudencia constitucional, el rechazo de la tutela, que \u00a0 regula el art\u00edculo 17 ...<br \/><div class=\"pt-cv-rmwrap\"><a href=\"https:\/\/www.dmsjuridica.com\/buscador_20179478954\/corteconstitucionalcronologico202454587\/t-313-18\/\" class=\"_self pt-cv-readmore btn btn-success\" target=\"_self\">Ver Sentencia Completa...<\/a><\/div><\/div><\/div><\/div>\n<div class=\"col-md-12 col-sm-12 col-xs-12 pt-cv-content-item pt-cv-1-col\" ><div class='pt-cv-ifield'><a href=\"https:\/\/www.dmsjuridica.com\/buscador_20179478954\/corteconstitucionalcronologico202454587\/t-312-18\/\" class=\"_self pt-cv-href-thumbnail pt-cv-thumb-default\" target=\"_self\" ><\/a>\n<div class=\"pt-cv-taxoterm above_title\"><a href='https:\/\/www.dmsjuridica.com\/buscador_20179478954\/corteconstitucionalcronologico202454587\/category\/buscar-en-toda-la-corte\/2018\/tutelas-2018\/' title='Tutelas 2018' class='pt-cv-tax-tutelas-2018'>Tutelas 2018<\/a><\/div>\n<h4 class=\"pt-cv-title\"><a href=\"https:\/\/www.dmsjuridica.com\/buscador_20179478954\/corteconstitucionalcronologico202454587\/t-312-18\/\" class=\"_self\" target=\"_self\" >T-312-18<\/a><\/h4>\n<div class=\"pt-cv-content\">\u00a0 \u00a0 \u00a0 \u00a0 \u00a0T-312-18 \u00a0 \u00a0 \u00a0 \u00a0 \u00a0 \u00a0\u00a0 Sentencia T-312\/18 \u00a0 \u00a0 ACCION DE TUTELA EN MATERIA DE PAGO DE INCAPACIDAD LABORAL POR \u00a0 ENFERMEDAD PROFESIONAL O ACCIDENTE DE TRABAJO-Caso en que \u00a0 se reclamaba pago de incapacidades que fueron causadas con posterioridad a que \u00a0 la ARL reconociera y pagara indemnizaci\u00f3n por incapacidad permanente parcial \u00a0 \u00a0 INCAPACIDAD POR ENFERMEDAD O ACCIDENTE LABORAL-Desarrollo constitucional, legal y \u00a0 jurisprudencial \u00a0 \u00a0 INCAPACIDAD LABORAL DE ORIGEN PROFESIONAL Y DE ORIGEN COMUN-Normatividad aplicable\/INCAPACIDAD \u00a0 LABORAL-Entidades ante las cuales se deben reclamar las incapacidades\u00a0 \u00a0 \u00a0 PAGO DE INCAPACIDAD LABORAL-Sustituye ...<br \/><div class=\"pt-cv-rmwrap\"><a href=\"https:\/\/www.dmsjuridica.com\/buscador_20179478954\/corteconstitucionalcronologico202454587\/t-312-18\/\" class=\"_self pt-cv-readmore btn btn-success\" target=\"_self\">Ver Sentencia Completa...<\/a><\/div><\/div><\/div><\/div>\n<div class=\"col-md-12 col-sm-12 col-xs-12 pt-cv-content-item pt-cv-1-col\" ><div class='pt-cv-ifield'><a href=\"https:\/\/www.dmsjuridica.com\/buscador_20179478954\/corteconstitucionalcronologico202454587\/t-311-18\/\" class=\"_self pt-cv-href-thumbnail pt-cv-thumb-default\" target=\"_self\" ><\/a>\n<div class=\"pt-cv-taxoterm above_title\"><a href='https:\/\/www.dmsjuridica.com\/buscador_20179478954\/corteconstitucionalcronologico202454587\/category\/buscar-en-toda-la-corte\/2018\/tutelas-2018\/' title='Tutelas 2018' class='pt-cv-tax-tutelas-2018'>Tutelas 2018<\/a><\/div>\n<h4 class=\"pt-cv-title\"><a href=\"https:\/\/www.dmsjuridica.com\/buscador_20179478954\/corteconstitucionalcronologico202454587\/t-311-18\/\" class=\"_self\" target=\"_self\" >T-311-18<\/a><\/h4>\n<div class=\"pt-cv-content\">\u00a0 \u00a0 \u00a0 \u00a0 \u00a0T-311-18 \u00a0 \u00a0 \u00a0 \u00a0 \u00a0 \u00a0\u00a0 Sentencia T-311\/18 \u00a0 \u00a0 PROTECCION A MUJERES VICTIMAS DE VIOLENCIA INTRAFAMILIAR-Caso en que accionante denunci\u00f3 actos \u00a0 de violencia intrafamiliar por parte de su c\u00f3nyuge y solicit\u00f3 medidas eficaces \u00a0 de protecci\u00f3n \u00a0 \u00a0 MUJER-Sujeto de especial protecci\u00f3n tanto en \u00a0 el derecho internacional como en el ordenamiento jur\u00eddico interno\u00a0 \u00a0 \u00a0 VIOLENCIA CONTRA LA MUJER-Definici\u00f3n\u00a0 \u00a0 \u00a0 PROTECCION A LA MUJER-Instrumentos \u00a0 jur\u00eddicos internacionales que la contemplan\u00a0 \u00a0 \u00a0 DERECHOS DE LAS MUJERES-Protecci\u00f3n constitucional e internacional\u00a0 \u00a0 \u00a0 PROTECCION DE LA MUJER FRENTE A TODO TIPO DE VIOLENCIA-Mandatos ...<br \/><div class=\"pt-cv-rmwrap\"><a href=\"https:\/\/www.dmsjuridica.com\/buscador_20179478954\/corteconstitucionalcronologico202454587\/t-311-18\/\" class=\"_self pt-cv-readmore btn btn-success\" target=\"_self\">Ver Sentencia Completa...<\/a><\/div><\/div><\/div><\/div>\n<div class=\"col-md-12 col-sm-12 col-xs-12 pt-cv-content-item pt-cv-1-col\" ><div class='pt-cv-ifield'><a href=\"https:\/\/www.dmsjuridica.com\/buscador_20179478954\/corteconstitucionalcronologico202454587\/t-310-18\/\" class=\"_self pt-cv-href-thumbnail pt-cv-thumb-default\" target=\"_self\" ><\/a>\n<div class=\"pt-cv-taxoterm above_title\"><a href='https:\/\/www.dmsjuridica.com\/buscador_20179478954\/corteconstitucionalcronologico202454587\/category\/buscar-en-toda-la-corte\/2018\/tutelas-2018\/' title='Tutelas 2018' class='pt-cv-tax-tutelas-2018'>Tutelas 2018<\/a><\/div>\n<h4 class=\"pt-cv-title\"><a href=\"https:\/\/www.dmsjuridica.com\/buscador_20179478954\/corteconstitucionalcronologico202454587\/t-310-18\/\" class=\"_self\" target=\"_self\" >T-310-18<\/a><\/h4>\n<div class=\"pt-cv-content\">\u00a0 \u00a0 \u00a0 \u00a0 \u00a0T-310-18 \u00a0 \u00a0 \u00a0 \u00a0 \u00a0 \u00a0\u00a0 Sentencia T-310\/18 \u00a0 \u00a0\u00a0 CARENCIA \u00a0 ACTUAL DE OBJETO-Fen\u00f3meno que se \u00a0 configura en los siguientes eventos: hecho superado, da\u00f1o consumado o situaci\u00f3n \u00a0 sobreviniente \u00a0 \u00a0 CARENCIA ACTUAL DE OBJETO POR HECHO SUPERADO-Configuraci\u00f3n \u00a0 \u00a0 CARENCIA \u00a0 ACTUAL DE OBJETO POR DA\u00d1O CONSUMADO-Configuraci\u00f3n \u00a0 \u00a0 CARENCIA \u00a0 ACTUAL DE OBJETO POR ACAECIMIENTO DE UNA SITUACION SOBREVINIENTE-Configuraci\u00f3n \u00a0 \u00a0 CARENCIA ACTUAL DE OBJETO POR HECHO SUPERADO-Accionante fue inscrita en el RUV \u00a0 \u00a0 Referencia: Expediente T-6.702.414 \u00a0 \u00a0 Acci\u00f3n de tutela interpuesta por Rosa Elena Ni\u00f1o \u00a0 Gonz\u00e1lez en ...<br \/><div class=\"pt-cv-rmwrap\"><a href=\"https:\/\/www.dmsjuridica.com\/buscador_20179478954\/corteconstitucionalcronologico202454587\/t-310-18\/\" class=\"_self pt-cv-readmore btn btn-success\" target=\"_self\">Ver Sentencia Completa...<\/a><\/div><\/div><\/div><\/div>\n<div class=\"col-md-12 col-sm-12 col-xs-12 pt-cv-content-item pt-cv-1-col\" ><div class='pt-cv-ifield'><a href=\"https:\/\/www.dmsjuridica.com\/buscador_20179478954\/corteconstitucionalcronologico202454587\/t-309-18\/\" class=\"_self pt-cv-href-thumbnail pt-cv-thumb-default\" target=\"_self\" ><\/a>\n<div class=\"pt-cv-taxoterm above_title\"><a href='https:\/\/www.dmsjuridica.com\/buscador_20179478954\/corteconstitucionalcronologico202454587\/category\/buscar-en-toda-la-corte\/2018\/tutelas-2018\/' title='Tutelas 2018' class='pt-cv-tax-tutelas-2018'>Tutelas 2018<\/a><\/div>\n<h4 class=\"pt-cv-title\"><a href=\"https:\/\/www.dmsjuridica.com\/buscador_20179478954\/corteconstitucionalcronologico202454587\/t-309-18\/\" class=\"_self\" target=\"_self\" >T-309-18<\/a><\/h4>\n<div class=\"pt-cv-content\">\u00a0 \u00a0 \u00a0 \u00a0 \u00a0T-309-18 \u00a0 \u00a0 \u00a0 \u00a0 \u00a0 \u00a0\u00a0 Sentencia \u00a0 T-309\/18 \u00a0 \u00a0 LEY 1122\/07-Confiri\u00f3 a Superintendencia Nacional de Salud facultades \u00a0 jurisdiccionales para adelantar procedimientos que resuelvan controversias entre \u00a0 entidades promotoras de salud y usuarios\u00a0 \u00a0 \u00a0 LEY 1438\/11-Reform\u00f3 el Sistema General de Seguridad Social en Salud, \u00a0 ampliando el \u00e1mbito de competencia de la Superintendencia Nacional de Salud, e \u00a0 instituy\u00f3 un procedimiento \u201cpreferente y sumario\" \u00a0 \u00a0 En los \u00a0 eventos en los cuales se evidencia el desconocimiento de derechos fundamentales \u00a0 de una persona y se requiere de una mediaci\u00f3n inmediata de ...<br \/><div class=\"pt-cv-rmwrap\"><a href=\"https:\/\/www.dmsjuridica.com\/buscador_20179478954\/corteconstitucionalcronologico202454587\/t-309-18\/\" class=\"_self pt-cv-readmore btn btn-success\" target=\"_self\">Ver Sentencia Completa...<\/a><\/div><\/div><\/div><\/div>\n<div class=\"col-md-12 col-sm-12 col-xs-12 pt-cv-content-item pt-cv-1-col\" ><div class='pt-cv-ifield'><a href=\"https:\/\/www.dmsjuridica.com\/buscador_20179478954\/corteconstitucionalcronologico202454587\/t-308-18\/\" class=\"_self pt-cv-href-thumbnail pt-cv-thumb-default\" target=\"_self\" ><\/a>\n<div class=\"pt-cv-taxoterm above_title\"><a href='https:\/\/www.dmsjuridica.com\/buscador_20179478954\/corteconstitucionalcronologico202454587\/category\/buscar-en-toda-la-corte\/2018\/tutelas-2018\/' title='Tutelas 2018' class='pt-cv-tax-tutelas-2018'>Tutelas 2018<\/a><\/div>\n<h4 class=\"pt-cv-title\"><a href=\"https:\/\/www.dmsjuridica.com\/buscador_20179478954\/corteconstitucionalcronologico202454587\/t-308-18\/\" class=\"_self\" target=\"_self\" >T-308-18<\/a><\/h4>\n<div class=\"pt-cv-content\">\u00a0 \u00a0 \u00a0 \u00a0 \u00a0T-308-18 \u00a0 \u00a0 \u00a0 \u00a0 \u00a0 \u00a0\u00a0 Sentencia T-308\/18 \u00a0 \u00a0 ACCION DE TUTELA PARA LA PROTECCION \u00a0 DEL DERECHO A LA CONSULTA PREVIA-\u00danico \u00a0 mecanismo judicial eficaz para garantizar que los pueblos ind\u00edgenas sean \u00a0 consultados\u00a0 \u00a0 \u00a0 CONSULTA PREVIA-Reiteraci\u00f3n \u00a0 de jurisprudencia \u00a0 \u00a0 DERECHO A LA CONSULTA \u00a0 PREVIA DE COMUNIDADES ETNICAS-Protecci\u00f3n \u00a0 constitucional e internacional\u00a0 \u00a0 \u00a0 DERECHO A LA CONSULTA PREVIA \u00a0 DE COMUNIDADES ETNICAS-Fundamental\u00a0 \u00a0 \u00a0 CONVENIO 169 DE LA OIT Y BLOQUE DE \u00a0 CONSTITUCIONALIDAD-Fundamento del \u00a0 derecho a la consulta previa\u00a0 \u00a0 \u00a0 CONSULTA PREVIA-Alcance y subreglas\u00a0 \u00a0 ...<br \/><div class=\"pt-cv-rmwrap\"><a href=\"https:\/\/www.dmsjuridica.com\/buscador_20179478954\/corteconstitucionalcronologico202454587\/t-308-18\/\" class=\"_self pt-cv-readmore btn btn-success\" target=\"_self\">Ver Sentencia Completa...<\/a><\/div><\/div><\/div><\/div>\n<div class=\"col-md-12 col-sm-12 col-xs-12 pt-cv-content-item pt-cv-1-col\" ><div class='pt-cv-ifield'><a href=\"https:\/\/www.dmsjuridica.com\/buscador_20179478954\/corteconstitucionalcronologico202454587\/t-307-18\/\" class=\"_self pt-cv-href-thumbnail pt-cv-thumb-default\" target=\"_self\" ><\/a>\n<div class=\"pt-cv-taxoterm above_title\"><a href='https:\/\/www.dmsjuridica.com\/buscador_20179478954\/corteconstitucionalcronologico202454587\/category\/buscar-en-toda-la-corte\/2018\/tutelas-2018\/' title='Tutelas 2018' class='pt-cv-tax-tutelas-2018'>Tutelas 2018<\/a><\/div>\n<h4 class=\"pt-cv-title\"><a href=\"https:\/\/www.dmsjuridica.com\/buscador_20179478954\/corteconstitucionalcronologico202454587\/t-307-18\/\" class=\"_self\" target=\"_self\" >T-307-18<\/a><\/h4>\n<div class=\"pt-cv-content\">\u00a0 \u00a0 \u00a0 \u00a0 \u00a0T-307-18 \u00a0 \u00a0 \u00a0 \u00a0 \u00a0 \u00a0\u00a0 Sentencia T-307\/18 \u00a0 \u00a0 ACCION DE TUTELA PARA LA PROTECCION DEL DERECHO A LA CONSULTA \u00a0 PREVIA-\u00danico mecanismo \u00a0 judicial eficaz para garantizar que los pueblos ind\u00edgenas sean consultados\u00a0 \u00a0 \u00a0 En Sentencia SU-217 de 2017, la Corte Constitucional aclar\u00f3 que aun \u00a0 cuando\u00a0el nuevo C\u00f3digo de Procedimiento Administrativo y de lo Contencioso \u00a0 Administrativo\u00a0prev\u00e9 el desconocimiento de la consulta previa como una causal de \u00a0 nulidad de los actos administrativos, esto \u201cno desvirt\u00faa ninguna de las razones \u00a0 a las que ha acudido la Corte Constitucional para concluir ...<br \/><div class=\"pt-cv-rmwrap\"><a href=\"https:\/\/www.dmsjuridica.com\/buscador_20179478954\/corteconstitucionalcronologico202454587\/t-307-18\/\" class=\"_self pt-cv-readmore btn btn-success\" target=\"_self\">Ver Sentencia Completa...<\/a><\/div><\/div><\/div><\/div>\n<div class=\"col-md-12 col-sm-12 col-xs-12 pt-cv-content-item pt-cv-1-col\" ><div class='pt-cv-ifield'><a href=\"https:\/\/www.dmsjuridica.com\/buscador_20179478954\/corteconstitucionalcronologico202454587\/t-306-18\/\" class=\"_self pt-cv-href-thumbnail pt-cv-thumb-default\" target=\"_self\" ><\/a>\n<div class=\"pt-cv-taxoterm above_title\"><a href='https:\/\/www.dmsjuridica.com\/buscador_20179478954\/corteconstitucionalcronologico202454587\/category\/buscar-en-toda-la-corte\/2018\/tutelas-2018\/' title='Tutelas 2018' class='pt-cv-tax-tutelas-2018'>Tutelas 2018<\/a><\/div>\n<h4 class=\"pt-cv-title\"><a href=\"https:\/\/www.dmsjuridica.com\/buscador_20179478954\/corteconstitucionalcronologico202454587\/t-306-18\/\" class=\"_self\" target=\"_self\" >T-306-18<\/a><\/h4>\n<div class=\"pt-cv-content\">\u00a0 \u00a0 \u00a0 \u00a0 \u00a0T-306-18 \u00a0 \u00a0 \u00a0 \u00a0 \u00a0 \u00a0\u00a0 Sentencia T-306\/18 \u00a0 \u00a0 CARENCIA ACTUAL DE OBJETO-Fen\u00f3meno que se configura en los \u00a0 siguientes eventos: hecho superado, da\u00f1o consumado o situaci\u00f3n sobreviniente \u00a0 \u00a0 CARENCIA ACTUAL DE OBJETO POR HECHO SUPERADO-Configuraci\u00f3n \u00a0 \u00a0 CARENCIA ACTUAL DE \u00a0 OBJETO POR HECHO SUPERADO-Se reintegr\u00f3 valor \u00a0 descontado de mesadas pensionales \u00a0 \u00a0 Referencia: Expediente T-6.648.110 \u00a0 \u00a0 Acci\u00f3n de tutela interpuesta por Mar\u00eda Isabel \u00a0 Amaya Cruz, mediante apoderado judicial, contra Colpensiones y B&amp;P Capital \u00a0 S.A.S. \u00a0 \u00a0 Magistrada Ponente: \u00a0 \u00a0 CRISTINA PARDO SCHLESINGER \u00a0 \u00a0 Bogot\u00e1 D.C., ...<br \/><div class=\"pt-cv-rmwrap\"><a href=\"https:\/\/www.dmsjuridica.com\/buscador_20179478954\/corteconstitucionalcronologico202454587\/t-306-18\/\" class=\"_self pt-cv-readmore btn btn-success\" target=\"_self\">Ver Sentencia Completa...<\/a><\/div><\/div><\/div><\/div>\n<div class=\"col-md-12 col-sm-12 col-xs-12 pt-cv-content-item pt-cv-1-col\" ><div class='pt-cv-ifield'><a href=\"https:\/\/www.dmsjuridica.com\/buscador_20179478954\/corteconstitucionalcronologico202454587\/t-305-18\/\" class=\"_self pt-cv-href-thumbnail pt-cv-thumb-default\" target=\"_self\" ><\/a>\n<div class=\"pt-cv-taxoterm above_title\"><a href='https:\/\/www.dmsjuridica.com\/buscador_20179478954\/corteconstitucionalcronologico202454587\/category\/buscar-en-toda-la-corte\/2018\/tutelas-2018\/' title='Tutelas 2018' class='pt-cv-tax-tutelas-2018'>Tutelas 2018<\/a><\/div>\n<h4 class=\"pt-cv-title\"><a href=\"https:\/\/www.dmsjuridica.com\/buscador_20179478954\/corteconstitucionalcronologico202454587\/t-305-18\/\" class=\"_self\" target=\"_self\" >T-305-18<\/a><\/h4>\n<div class=\"pt-cv-content\">\u00a0 \u00a0 \u00a0 \u00a0 \u00a0T-305-18 \u00a0 \u00a0 \u00a0 \u00a0 \u00a0 \u00a0\u00a0 Sentencia T-305\/18 \u00a0 \u00a0 LEGITIMACION POR ACTIVA EN TUTELA-Persona natural que act\u00faa en defensa de sus propios intereses \u00a0 \u00a0 ACCION DE TUTELA CONTRA PARTICULARES-Procedencia \u00a0 excepcional\u00a0 \u00a0 \u00a0 ACCION DE TUTELA CONTRA PARTICULARES-Procedencia en raz\u00f3n de la subordinaci\u00f3n que se halla \u00a0 impl\u00edcita en toda relaci\u00f3n de naturaleza laboral \u00a0 \u00a0 ACCION DE TUTELA PARA OBTENER REINTEGRO LABORAL DE TRABAJADOR EN \u00a0 CONDICION DE DISCAPACIDAD QUE GOCE DE ESTABILIDAD LABORAL REFORZADA-Procedencia excepcional \u00a0 \u00a0 DERECHO A LA ESTABILIDAD LABORAL REFORZADA DE \u00a0 PERSONA EN ESTADO DE DEBILIDAD MANIFIESTA ...<br \/><div class=\"pt-cv-rmwrap\"><a href=\"https:\/\/www.dmsjuridica.com\/buscador_20179478954\/corteconstitucionalcronologico202454587\/t-305-18\/\" class=\"_self pt-cv-readmore btn btn-success\" target=\"_self\">Ver Sentencia Completa...<\/a><\/div><\/div><\/div><\/div>\n<div class=\"col-md-12 col-sm-12 col-xs-12 pt-cv-content-item pt-cv-1-col\" ><div class='pt-cv-ifield'><a href=\"https:\/\/www.dmsjuridica.com\/buscador_20179478954\/corteconstitucionalcronologico202454587\/t-304-18\/\" class=\"_self pt-cv-href-thumbnail pt-cv-thumb-default\" target=\"_self\" ><\/a>\n<div class=\"pt-cv-taxoterm above_title\"><a href='https:\/\/www.dmsjuridica.com\/buscador_20179478954\/corteconstitucionalcronologico202454587\/category\/buscar-en-toda-la-corte\/2018\/tutelas-2018\/' title='Tutelas 2018' class='pt-cv-tax-tutelas-2018'>Tutelas 2018<\/a><\/div>\n<h4 class=\"pt-cv-title\"><a href=\"https:\/\/www.dmsjuridica.com\/buscador_20179478954\/corteconstitucionalcronologico202454587\/t-304-18\/\" class=\"_self\" target=\"_self\" >T-304-18<\/a><\/h4>\n<div class=\"pt-cv-content\">\u00a0 \u00a0 \u00a0 \u00a0 \u00a0T-304-18 \u00a0 \u00a0 \u00a0 \u00a0 \u00a0 \u00a0\u00a0 Sentencia T-304\/18 \u00a0 \u00a0\u00a0 CARENCIA ACTUAL DE \u00a0 OBJETO-Fen\u00f3meno \u00a0 que puede presentarse a partir de dos eventos que a su vez sugieren \u00a0 consecuencias distintas: hecho superado y da\u00f1o consumado\u00a0 \u00a0 \u00a0 CARENCIA ACTUAL DE OBJETO POR HECHO \u00a0 SUPERADO-Configuraci\u00f3n \u00a0 \u00a0 ACCION DE TUTELA EN MATERIA DE DESPLAZAMIENTO FORZADO-Procedencia frente a actos \u00a0 administrativos expedidos por la UARIV para la protecci\u00f3n de los derechos \u00a0 fundamentales de las v\u00edctimas \u00a0 \u00a0 VICTIMAS DEL \u00a0 CONFLICTO ARMADO INTERNO-Procedencia de tutela por ser sujetos de especial \u00a0 protecci\u00f3n constitucional ...<br \/><div class=\"pt-cv-rmwrap\"><a href=\"https:\/\/www.dmsjuridica.com\/buscador_20179478954\/corteconstitucionalcronologico202454587\/t-304-18\/\" class=\"_self pt-cv-readmore btn btn-success\" target=\"_self\">Ver Sentencia Completa...<\/a><\/div><\/div><\/div><\/div>\n<div class=\"col-md-12 col-sm-12 col-xs-12 pt-cv-content-item pt-cv-1-col\" ><div class='pt-cv-ifield'><a href=\"https:\/\/www.dmsjuridica.com\/buscador_20179478954\/corteconstitucionalcronologico202454587\/t-303-18\/\" class=\"_self pt-cv-href-thumbnail pt-cv-thumb-default\" target=\"_self\" ><\/a>\n<div class=\"pt-cv-taxoterm above_title\"><a href='https:\/\/www.dmsjuridica.com\/buscador_20179478954\/corteconstitucionalcronologico202454587\/category\/buscar-en-toda-la-corte\/2018\/tutelas-2018\/' title='Tutelas 2018' class='pt-cv-tax-tutelas-2018'>Tutelas 2018<\/a><\/div>\n<h4 class=\"pt-cv-title\"><a href=\"https:\/\/www.dmsjuridica.com\/buscador_20179478954\/corteconstitucionalcronologico202454587\/t-303-18\/\" class=\"_self\" target=\"_self\" >T-303-18<\/a><\/h4>\n<div class=\"pt-cv-content\">\u00a0 \u00a0 \u00a0 \u00a0 \u00a0T-303-18 \u00a0 \u00a0 \u00a0 \u00a0 \u00a0 \u00a0\u00a0 ACCION DE TUTELA CONTRA PROVIDENCIAS JUDICIALES-Procedencia \u00a0 excepcional \u00a0 \u00a0 ACCION DE TUTELA CONTRA PROVIDENCIAS JUDICIALES-Requisitos \u00a0 generales y especiales de procedibilidad\u00a0 \u00a0 \u00a0 DEFECTO SUSTANTIVO COMO CAUSAL ESPECIFICA DE PROCEDIBILIDAD DE LA \u00a0 ACCION DE TUTELA CONTRA PROVIDENCIAS JUDICIALES-Reiteraci\u00f3n de jurisprudencia \u00a0 \u00a0 CARACTERIZACION DEL DEFECTO FACTICO COMO CAUSAL ESPECIFICA DE PROCEDIBILIDAD DE \u00a0 LA ACCION DE TUTELA CONTRA PROVIDENCIAS JUDICIALES \u00a0 \u00a0 DEFECTO FACTICO-Dimensi\u00f3n negativa y positiva \u00a0 \u00a0 FUERO SINDICAL-Concepto\/FUERO SINDICAL-Finalidad \u00a0 \u00a0 FUERO SINDICAL-Elemento esencial para la protecci\u00f3n del derecho a la asociaci\u00f3n \u00a0 sindical ...<br \/><div class=\"pt-cv-rmwrap\"><a href=\"https:\/\/www.dmsjuridica.com\/buscador_20179478954\/corteconstitucionalcronologico202454587\/t-303-18\/\" class=\"_self pt-cv-readmore btn btn-success\" target=\"_self\">Ver Sentencia Completa...<\/a><\/div><\/div><\/div><\/div>\n<div class=\"col-md-12 col-sm-12 col-xs-12 pt-cv-content-item pt-cv-1-col\" ><div class='pt-cv-ifield'><a href=\"https:\/\/www.dmsjuridica.com\/buscador_20179478954\/corteconstitucionalcronologico202454587\/t-302-18\/\" class=\"_self pt-cv-href-thumbnail pt-cv-thumb-default\" target=\"_self\" ><\/a>\n<div class=\"pt-cv-taxoterm above_title\"><a href='https:\/\/www.dmsjuridica.com\/buscador_20179478954\/corteconstitucionalcronologico202454587\/category\/buscar-en-toda-la-corte\/2018\/tutelas-2018\/' title='Tutelas 2018' class='pt-cv-tax-tutelas-2018'>Tutelas 2018<\/a><\/div>\n<h4 class=\"pt-cv-title\"><a href=\"https:\/\/www.dmsjuridica.com\/buscador_20179478954\/corteconstitucionalcronologico202454587\/t-302-18\/\" class=\"_self\" target=\"_self\" >T-302-18<\/a><\/h4>\n<div class=\"pt-cv-content\">\u00a0 \u00a0 \u00a0 \u00a0 \u00a0T-302-18 \u00a0 \u00a0 \u00a0 \u00a0 \u00a0 \u00a0\u00a0 Sentencia T-302\/18 \u00a0 \u00a0 DERECHO A LA EDUCACION SUPERIOR-Caso en que se neg\u00f3 acceso a beneficio contemplado \u00a0 en programa Ser Pilo Paga 4 por no estar registrado en base de datos del Sisb\u00e9n \u00a0 \u00a0 DERECHO A LA EDUCACION-Procedencia de la acci\u00f3n de tutela para su \u00a0 protecci\u00f3n \u00a0 \u00a0 Trat\u00e1ndose de la \u00a0 presunta vulneraci\u00f3n del derecho fundamental a la educaci\u00f3n, se ha considerado \u00a0 que la tutela procede de manera directa, tal como se ha establecido en la \u00a0 jurisprudencia constitucional, cuando ha revisado tutelas\u00a0relacionadas con ...<br \/><div class=\"pt-cv-rmwrap\"><a href=\"https:\/\/www.dmsjuridica.com\/buscador_20179478954\/corteconstitucionalcronologico202454587\/t-302-18\/\" class=\"_self pt-cv-readmore btn btn-success\" target=\"_self\">Ver Sentencia Completa...<\/a><\/div><\/div><\/div><\/div>\n<div class=\"col-md-12 col-sm-12 col-xs-12 pt-cv-content-item pt-cv-1-col\" ><div class='pt-cv-ifield'><a href=\"https:\/\/www.dmsjuridica.com\/buscador_20179478954\/corteconstitucionalcronologico202454587\/t-301-18\/\" class=\"_self pt-cv-href-thumbnail pt-cv-thumb-default\" target=\"_self\" ><\/a>\n<div class=\"pt-cv-taxoterm above_title\"><a href='https:\/\/www.dmsjuridica.com\/buscador_20179478954\/corteconstitucionalcronologico202454587\/category\/buscar-en-toda-la-corte\/2018\/tutelas-2018\/' title='Tutelas 2018' class='pt-cv-tax-tutelas-2018'>Tutelas 2018<\/a><\/div>\n<h4 class=\"pt-cv-title\"><a href=\"https:\/\/www.dmsjuridica.com\/buscador_20179478954\/corteconstitucionalcronologico202454587\/t-301-18\/\" class=\"_self\" target=\"_self\" >T-301-18<\/a><\/h4>\n<div class=\"pt-cv-content\">\u00a0 \u00a0 \u00a0 \u00a0 \u00a0T-301-18 \u00a0 \u00a0 \u00a0 \u00a0 \u00a0 \u00a0\u00a0 Sentencia \u00a0 T-301\/18 \u00a0 \u00a0 ACCION DE TUTELA PARA RECLAMAR EL \u00a0 RECONOCIMIENTO Y PAGO DE DERECHOS PENSIONALES-Procedencia excepcional \u00a0 \u00a0 SISTEMA PENSIONAL EN COLOMBIA-Evoluci\u00f3n\u00a0\u00a0 \u00a0 \u00a0 PENSION \u00a0 RESTRINGIDA POR RETIRO VOLUNTARIO-Marco normativo \u00a0 \u00a0 PENSION \u00a0 RESTRINGIDA POR RETIRO VOLUNTARIO-Jurisprudencia de la Corte Suprema de Justicia \u00a0 \u00a0 PENSION \u00a0 RESTRINGIDA POR RETIRO VOLUNTARIO-Jurisprudencia constitucional \u00a0 \u00a0 COMPATIBILIDAD \u00a0 ENTRE LA PENSION RESTRINGIDA POR RETIRO VOLUNTARIO Y LA PENSION DE VEJEZ-Jurisprudencia constitucional \u00a0 \u00a0 COMPATIBILIDAD \u00a0 ENTRE LA PENSION RESTRINGIDA POR RETIRO VOLUNTARIO Y LA PENSION DE ...<br \/><div class=\"pt-cv-rmwrap\"><a href=\"https:\/\/www.dmsjuridica.com\/buscador_20179478954\/corteconstitucionalcronologico202454587\/t-301-18\/\" class=\"_self pt-cv-readmore btn btn-success\" target=\"_self\">Ver Sentencia Completa...<\/a><\/div><\/div><\/div><\/div>\n<div class=\"col-md-12 col-sm-12 col-xs-12 pt-cv-content-item pt-cv-1-col\" ><div class='pt-cv-ifield'><a href=\"https:\/\/www.dmsjuridica.com\/buscador_20179478954\/corteconstitucionalcronologico202454587\/t-300-18\/\" class=\"_self pt-cv-href-thumbnail pt-cv-thumb-default\" target=\"_self\" ><\/a>\n<div class=\"pt-cv-taxoterm above_title\"><a href='https:\/\/www.dmsjuridica.com\/buscador_20179478954\/corteconstitucionalcronologico202454587\/category\/buscar-en-toda-la-corte\/2018\/tutelas-2018\/' title='Tutelas 2018' class='pt-cv-tax-tutelas-2018'>Tutelas 2018<\/a><\/div>\n<h4 class=\"pt-cv-title\"><a href=\"https:\/\/www.dmsjuridica.com\/buscador_20179478954\/corteconstitucionalcronologico202454587\/t-300-18\/\" class=\"_self\" target=\"_self\" >T-300-18<\/a><\/h4>\n<div class=\"pt-cv-content\">\u00a0 \u00a0 \u00a0 \u00a0 \u00a0T-300-18 \u00a0 \u00a0 \u00a0 \u00a0 \u00a0 \u00a0\u00a0 Sentencia T-300\/18 \u00a0 \u00a0 LEGITIMACION POR ACTIVA EN TUTELA-Persona natural actuando en representaci\u00f3n de \u00a0 ni\u00f1os de comunidad ind\u00edgena del departamento de la Guajira \u00a0 \u00a0 COMUNIDADES INDIGENAS COMO SUJETOS DE ESPECIAL PROTECCION \u00a0 CONSTITUCIONAL Y TITULARES DE DERECHOS FUNDAMENTALES-Procedencia de la acci\u00f3n de tutela para la \u00a0 protecci\u00f3n de sus derechos \u00a0 \u00a0 DERECHO A LA EDUCACION PROPIA DE COMUNIDADES \u00a0 INDIGENAS O ETNOEDUCACION-Fundamental \u00a0 \u00a0 DERECHO FUNDAMENTAL A LA EDUCACION DE LAS COMUNIDADES ETNICAS Y SUS \u00a0 INTEGRANTES-Debe \u00a0 respetar y desarrollar su identidad cultural \u00a0 \u00a0 ...<br \/><div class=\"pt-cv-rmwrap\"><a href=\"https:\/\/www.dmsjuridica.com\/buscador_20179478954\/corteconstitucionalcronologico202454587\/t-300-18\/\" class=\"_self pt-cv-readmore btn btn-success\" target=\"_self\">Ver Sentencia Completa...<\/a><\/div><\/div><\/div><\/div>\n<div class=\"col-md-12 col-sm-12 col-xs-12 pt-cv-content-item pt-cv-1-col\" ><div class='pt-cv-ifield'><a href=\"https:\/\/www.dmsjuridica.com\/buscador_20179478954\/corteconstitucionalcronologico202454587\/t-299-18\/\" class=\"_self pt-cv-href-thumbnail pt-cv-thumb-default\" target=\"_self\" ><\/a>\n<div class=\"pt-cv-taxoterm above_title\"><a href='https:\/\/www.dmsjuridica.com\/buscador_20179478954\/corteconstitucionalcronologico202454587\/category\/buscar-en-toda-la-corte\/2018\/tutelas-2018\/' title='Tutelas 2018' class='pt-cv-tax-tutelas-2018'>Tutelas 2018<\/a><\/div>\n<h4 class=\"pt-cv-title\"><a href=\"https:\/\/www.dmsjuridica.com\/buscador_20179478954\/corteconstitucionalcronologico202454587\/t-299-18\/\" class=\"_self\" target=\"_self\" >T-299-18<\/a><\/h4>\n<div class=\"pt-cv-content\">\u00a0 \u00a0 \u00a0 \u00a0 \u00a0T-299-18 \u00a0 \u00a0 \u00a0 \u00a0 \u00a0 \u00a0\u00a0 Sentencia T-299\/18 \u00a0 \u00a0 REGISTRO UNICO DE \u00a0 VICTIMAS-Caso en que se niega a accionante la inscripci\u00f3n \u00a0 en el RUV como v\u00edctima de los delitos contra la libertad y la integridad \u00a0 personal en desarrollo del conflicto armado y lesiones personales psicol\u00f3gicas \u00a0 \u00a0 MEDIDAS CAUTELARES EN EL PROCESO DE NULIDAD Y RESTABLECIMIENTO DEL \u00a0 DERECHO-Ley 1437 de 2011 art. 229 \u00a0 \u00a0 MEDIDAS CAUTELARES EN EL PROCESO DE NULIDAD Y RESTABLECIMIENTO DEL \u00a0 DERECHO-Procedencia \u00a0 \u00a0 ACCION DE TUTELA CONTRA ACTOS ADMINISTRATIVOS-Reiteraci\u00f3n de jurisprudencia sobre procedencia excepcional\u00a0 ...<br \/><div class=\"pt-cv-rmwrap\"><a href=\"https:\/\/www.dmsjuridica.com\/buscador_20179478954\/corteconstitucionalcronologico202454587\/t-299-18\/\" class=\"_self pt-cv-readmore btn btn-success\" target=\"_self\">Ver Sentencia Completa...<\/a><\/div><\/div><\/div><\/div>\n<div class=\"col-md-12 col-sm-12 col-xs-12 pt-cv-content-item pt-cv-1-col\" ><div class='pt-cv-ifield'><a href=\"https:\/\/www.dmsjuridica.com\/buscador_20179478954\/corteconstitucionalcronologico202454587\/t-298-18\/\" class=\"_self pt-cv-href-thumbnail pt-cv-thumb-default\" target=\"_self\" ><\/a>\n<div class=\"pt-cv-taxoterm above_title\"><a href='https:\/\/www.dmsjuridica.com\/buscador_20179478954\/corteconstitucionalcronologico202454587\/category\/buscar-en-toda-la-corte\/2018\/tutelas-2018\/' title='Tutelas 2018' class='pt-cv-tax-tutelas-2018'>Tutelas 2018<\/a><\/div>\n<h4 class=\"pt-cv-title\"><a href=\"https:\/\/www.dmsjuridica.com\/buscador_20179478954\/corteconstitucionalcronologico202454587\/t-298-18\/\" class=\"_self\" target=\"_self\" >T-298-18<\/a><\/h4>\n<div class=\"pt-cv-content\">\u00a0 \u00a0 \u00a0 \u00a0 \u00a0T-298-18 \u00a0 \u00a0 \u00a0 \u00a0 \u00a0 \u00a0\u00a0 Sentencia T-298\/18 \u00a0 \u00a0 AGENCIA OFICIOSA EN TUTELA-Se pueden agenciar \u00a0 derechos ajenos cuando el titular de los mismos no est\u00e9 en condiciones de \u00a0 promover su propia defensa\u00a0 \u00a0 \u00a0 LEGITIMACION EN LA CAUSA POR ACTIVA Y AGENCIA \u00a0 OFICIOSA EN LA ACCION DE TUTELA-Requisitos \u00a0 \u00a0 LEGITIMACION POR ACTIVA EN TUTELA-Persona natural actuando como agente oficiosa de \u00a0 esposa que padece enfermedad mental \u00a0 \u00a0 TEMERIDAD-Configuraci\u00f3n \u00a0 \u00a0 ACCION DE TUTELA TEMERARIA-Para que se configure temeridad debe evidenciarse \u00a0 la mala fe en el actuar del peticionario ...<br \/><div class=\"pt-cv-rmwrap\"><a href=\"https:\/\/www.dmsjuridica.com\/buscador_20179478954\/corteconstitucionalcronologico202454587\/t-298-18\/\" class=\"_self pt-cv-readmore btn btn-success\" target=\"_self\">Ver Sentencia Completa...<\/a><\/div><\/div><\/div><\/div>\n<div class=\"col-md-12 col-sm-12 col-xs-12 pt-cv-content-item pt-cv-1-col\" ><div class='pt-cv-ifield'><a href=\"https:\/\/www.dmsjuridica.com\/buscador_20179478954\/corteconstitucionalcronologico202454587\/t-297-18\/\" class=\"_self pt-cv-href-thumbnail pt-cv-thumb-default\" target=\"_self\" ><\/a>\n<div class=\"pt-cv-taxoterm above_title\"><a href='https:\/\/www.dmsjuridica.com\/buscador_20179478954\/corteconstitucionalcronologico202454587\/category\/buscar-en-toda-la-corte\/2018\/tutelas-2018\/' title='Tutelas 2018' class='pt-cv-tax-tutelas-2018'>Tutelas 2018<\/a><\/div>\n<h4 class=\"pt-cv-title\"><a href=\"https:\/\/www.dmsjuridica.com\/buscador_20179478954\/corteconstitucionalcronologico202454587\/t-297-18\/\" class=\"_self\" target=\"_self\" >T-297-18<\/a><\/h4>\n<div class=\"pt-cv-content\">Sentencia \u00a0 T-297\/18 \u00a0 \u00a0 DERECHO FUNDAMENTAL AL AGUA POTABLE-Caso en que Empresa de Servicios \u00a0 P\u00fablicos realiz\u00f3 desconexi\u00f3n de la tuber\u00eda por medio de la cual se suministraba \u00a0 el agua potable\u00a0 \u00a0 \u00a0 LEGITIMACION POR ACTIVA EN TUTELA-Persona natural que \u00a0 act\u00faa en defensa de sus propios intereses \u00a0 \u00a0 ACCION DE TUTELA CONTRA PARTICULARES-Procedencia \u00a0 excepcional \u00a0 \u00a0 LEGITIMACION POR \u00a0 PASIVA EN TUTELA-Entidad que presta el servicio p\u00fablico de acueducto \u00a0 \u00a0 ACCION DE TUTELA PARA SOLICITAR \u00a0 PROTECCION DEL DERECHO AL AGUA-Procedencia excepcional \u00a0 \u00a0 DERECHO FUNDAMENTAL AL AGUA POTABLE-Naturaleza y alcance \u00a0 \u00a0 Por ...<br \/><div class=\"pt-cv-rmwrap\"><a href=\"https:\/\/www.dmsjuridica.com\/buscador_20179478954\/corteconstitucionalcronologico202454587\/t-297-18\/\" class=\"_self pt-cv-readmore btn btn-success\" target=\"_self\">Ver Sentencia Completa...<\/a><\/div><\/div><\/div><\/div>\n<div class=\"col-md-12 col-sm-12 col-xs-12 pt-cv-content-item pt-cv-1-col\" ><div class='pt-cv-ifield'><a href=\"https:\/\/www.dmsjuridica.com\/buscador_20179478954\/corteconstitucionalcronologico202454587\/t-296-18\/\" class=\"_self pt-cv-href-thumbnail pt-cv-thumb-default\" target=\"_self\" ><\/a>\n<div class=\"pt-cv-taxoterm above_title\"><a href='https:\/\/www.dmsjuridica.com\/buscador_20179478954\/corteconstitucionalcronologico202454587\/category\/buscar-en-toda-la-corte\/2018\/tutelas-2018\/' title='Tutelas 2018' class='pt-cv-tax-tutelas-2018'>Tutelas 2018<\/a><\/div>\n<h4 class=\"pt-cv-title\"><a href=\"https:\/\/www.dmsjuridica.com\/buscador_20179478954\/corteconstitucionalcronologico202454587\/t-296-18\/\" class=\"_self\" target=\"_self\" >T-296-18<\/a><\/h4>\n<div class=\"pt-cv-content\">\u00a0 \u00a0 \u00a0 \u00a0 \u00a0T-296-18 \u00a0 \u00a0 \u00a0 \u00a0 \u00a0 \u00a0\u00a0 Sentencia \u00a0 T-296\/18 \u00a0 \u00a0 ACCION DE TUTELA CONTRA PROVIDENCIAS JUDICIALES-Caso en que se \u00a0 improb\u00f3 acuerdo celebrado dentro del tr\u00e1mite de conciliaci\u00f3n extrajudicial \u00a0 previsto como requisito de procedibilidad de demanda de reparaci\u00f3n directa \u00a0 \u00a0 ACCION DE TUTELA CONTRA PROVIDENCIAS JUDICIALES-Requisitos \u00a0 generales y especiales de procedibilidad\u00a0 \u00a0 \u00a0 ACCION DE TUTELA PARA CONTROVERTIR AUTOS MEDIANTE LOS CUALES SE \u00a0 EFECTUA CONTROL DE VALIDEZ DE ACUERDOS DE CONCILIACION-Procedencia \u00a0 excepcional \u00a0 \u00a0 Es posible concluir que, en \u00a0 principio, la tutela es improcedente para controvertir los autos ...<br \/><div class=\"pt-cv-rmwrap\"><a href=\"https:\/\/www.dmsjuridica.com\/buscador_20179478954\/corteconstitucionalcronologico202454587\/t-296-18\/\" class=\"_self pt-cv-readmore btn btn-success\" target=\"_self\">Ver Sentencia Completa...<\/a><\/div><\/div><\/div><\/div>\n<div class=\"col-md-12 col-sm-12 col-xs-12 pt-cv-content-item pt-cv-1-col\" ><div class='pt-cv-ifield'><a href=\"https:\/\/www.dmsjuridica.com\/buscador_20179478954\/corteconstitucionalcronologico202454587\/t-295-18\/\" class=\"_self pt-cv-href-thumbnail pt-cv-thumb-default\" target=\"_self\" ><\/a>\n<div class=\"pt-cv-taxoterm above_title\"><a href='https:\/\/www.dmsjuridica.com\/buscador_20179478954\/corteconstitucionalcronologico202454587\/category\/buscar-en-toda-la-corte\/2018\/tutelas-2018\/' title='Tutelas 2018' class='pt-cv-tax-tutelas-2018'>Tutelas 2018<\/a><\/div>\n<h4 class=\"pt-cv-title\"><a href=\"https:\/\/www.dmsjuridica.com\/buscador_20179478954\/corteconstitucionalcronologico202454587\/t-295-18\/\" class=\"_self\" target=\"_self\" >T-295-18<\/a><\/h4>\n<div class=\"pt-cv-content\">\u00a0 \u00a0 \u00a0 \u00a0 \u00a0T-295-18 \u00a0 \u00a0 \u00a0 \u00a0 \u00a0 \u00a0\u00a0 Sentencia T-295\/18 \u00a0 \u00a0 LEGITIMACION POR ACTIVA EN TUTELA-No establece \u00a0 diferencia entre persona nacional o extranjera \u00a0 \u00a0 LEGITIMACION POR ACTIVA EN TUTELA-Persona natural extranjera a trav\u00e9s de \u00a0 apoderado judicial \u00a0 \u00a0 LEGITIMACION POR \u00a0 PASIVA EN TUTELA-Autoridad p\u00fablica \u00a0 \u00a0 ACCION DE TUTELA PARA \u00a0 PROTEGER EL DERECHO AL DEBIDO PROCESO EN CASO DE DEPORTACION DE CIUDADANO \u00a0 JAPONES-Procedencia excepcional \u00a0 \u00a0 PRINCIPIO DE \u00a0 INMEDIATEZ EN ACCION DE TUTELA-Reglas generales \u00a0 \u00a0 DERECHOS DE LOS EXTRANJEROS EN \u00a0 COLOMBIA-Alcance \u00a0 \u00a0 Los extranjeros tienen los ...<br \/><div class=\"pt-cv-rmwrap\"><a href=\"https:\/\/www.dmsjuridica.com\/buscador_20179478954\/corteconstitucionalcronologico202454587\/t-295-18\/\" class=\"_self pt-cv-readmore btn btn-success\" target=\"_self\">Ver Sentencia Completa...<\/a><\/div><\/div><\/div><\/div>\n<div class=\"col-md-12 col-sm-12 col-xs-12 pt-cv-content-item pt-cv-1-col\" ><div class='pt-cv-ifield'><a href=\"https:\/\/www.dmsjuridica.com\/buscador_20179478954\/corteconstitucionalcronologico202454587\/t-294-18\/\" class=\"_self pt-cv-href-thumbnail pt-cv-thumb-default\" target=\"_self\" ><\/a>\n<div class=\"pt-cv-taxoterm above_title\"><a href='https:\/\/www.dmsjuridica.com\/buscador_20179478954\/corteconstitucionalcronologico202454587\/category\/buscar-en-toda-la-corte\/2018\/tutelas-2018\/' title='Tutelas 2018' class='pt-cv-tax-tutelas-2018'>Tutelas 2018<\/a><\/div>\n<h4 class=\"pt-cv-title\"><a href=\"https:\/\/www.dmsjuridica.com\/buscador_20179478954\/corteconstitucionalcronologico202454587\/t-294-18\/\" class=\"_self\" target=\"_self\" >T-294-18<\/a><\/h4>\n<div class=\"pt-cv-content\">\u00a0 \u00a0 \u00a0 \u00a0 \u00a0T-294-18 \u00a0 \u00a0 \u00a0 \u00a0 \u00a0 \u00a0\u00a0 Sentencia \u00a0 T-294\/18 \u00a0 \u00a0 ACCION DE TUTELA TEMERARIA-Identidad \u00a0 de partes, hechos y pretensiones \u00a0 \u00a0 Por medio de su jurisprudencia, esta \u00a0 Corporaci\u00f3n ha indicado que para que se configure la actuaci\u00f3n temeraria deben \u00a0 concurrir los tres elementos que constituyen la cosa juzgada constitucional, en \u00a0 el contexto de control concreto de constitucionalidad, y otro adicional. As\u00ed, \u00a0 debe presentarse:\u00a0\u201c(i) \u00a0 identidad de partes; (ii) identidad de hechos; (iii) identidad de pretensiones; \u00a0 y (iv) la ausencia de justificaci\u00f3n en la presentaci\u00f3n de la nueva demanda, ...<br \/><div class=\"pt-cv-rmwrap\"><a href=\"https:\/\/www.dmsjuridica.com\/buscador_20179478954\/corteconstitucionalcronologico202454587\/t-294-18\/\" class=\"_self pt-cv-readmore btn btn-success\" target=\"_self\">Ver Sentencia Completa...<\/a><\/div><\/div><\/div><\/div>\n<div class=\"col-md-12 col-sm-12 col-xs-12 pt-cv-content-item pt-cv-1-col\" ><div class='pt-cv-ifield'><a href=\"https:\/\/www.dmsjuridica.com\/buscador_20179478954\/corteconstitucionalcronologico202454587\/t-293-18\/\" class=\"_self pt-cv-href-thumbnail pt-cv-thumb-default\" target=\"_self\" ><\/a>\n<div class=\"pt-cv-taxoterm above_title\"><a href='https:\/\/www.dmsjuridica.com\/buscador_20179478954\/corteconstitucionalcronologico202454587\/category\/buscar-en-toda-la-corte\/2018\/tutelas-2018\/' title='Tutelas 2018' class='pt-cv-tax-tutelas-2018'>Tutelas 2018<\/a><\/div>\n<h4 class=\"pt-cv-title\"><a href=\"https:\/\/www.dmsjuridica.com\/buscador_20179478954\/corteconstitucionalcronologico202454587\/t-293-18\/\" class=\"_self\" target=\"_self\" >T-293-18<\/a><\/h4>\n<div class=\"pt-cv-content\">\u00a0 \u00a0 \u00a0 \u00a0 \u00a0T-293-18 \u00a0 \u00a0 \u00a0 \u00a0 \u00a0 \u00a0\u00a0 Sentencia T-293\/18 \u00a0 \u00a0 DERECHOS A LA INTIMIDAD, BUEN NOMBRE Y HONRA-Caso en que accionante aduce que concejal vulner\u00f3 \u00a0 sus derechos, al difundir supuestas inconsistencias con relaci\u00f3n al pago de \u00a0 facturas de servicios m\u00e9dicos est\u00e9ticos \u00a0 \u00a0 DERECHO FUNDAMENTAL A LA LIBERTAD DE EXPRESION Y \u00a0 DE INFORMACION-Reiteraci\u00f3n de \u00a0 jurisprudencia \u00a0 \u00a0 DERECHO FUNDAMENTAL A LA LIBERTAD DE EXPRESION Y \u00a0 DE INFORMACION-Protecci\u00f3n a trav\u00e9s de mecanismos internacionales \u00a0 \u00a0 LIBERTAD DE EXPRESION EN SENTIDO ESTRICTO-Definici\u00f3n\/LIBERTAD \u00a0 DE EXPRESION EN SENTIDO GENERICO-Definici\u00f3n \u00a0 \u00a0 La Corte ...<br \/><div class=\"pt-cv-rmwrap\"><a href=\"https:\/\/www.dmsjuridica.com\/buscador_20179478954\/corteconstitucionalcronologico202454587\/t-293-18\/\" class=\"_self pt-cv-readmore btn btn-success\" target=\"_self\">Ver Sentencia Completa...<\/a><\/div><\/div><\/div><\/div>\n<div class=\"col-md-12 col-sm-12 col-xs-12 pt-cv-content-item pt-cv-1-col\" ><div class='pt-cv-ifield'><a href=\"https:\/\/www.dmsjuridica.com\/buscador_20179478954\/corteconstitucionalcronologico202454587\/t-292-18\/\" class=\"_self pt-cv-href-thumbnail pt-cv-thumb-default\" target=\"_self\" ><\/a>\n<div class=\"pt-cv-taxoterm above_title\"><a href='https:\/\/www.dmsjuridica.com\/buscador_20179478954\/corteconstitucionalcronologico202454587\/category\/buscar-en-toda-la-corte\/2018\/tutelas-2018\/' title='Tutelas 2018' class='pt-cv-tax-tutelas-2018'>Tutelas 2018<\/a><\/div>\n<h4 class=\"pt-cv-title\"><a href=\"https:\/\/www.dmsjuridica.com\/buscador_20179478954\/corteconstitucionalcronologico202454587\/t-292-18\/\" class=\"_self\" target=\"_self\" >T-292-18<\/a><\/h4>\n<div class=\"pt-cv-content\">\u00a0 \u00a0 \u00a0 \u00a0 \u00a0T-292-18 \u00a0 \u00a0 \u00a0 \u00a0 \u00a0 \u00a0\u00a0 Sentencia \u00a0 T-292\/18 \u00a0 \u00a0 ACCION DE TUTELA CONTRA PARTICULARES-Procedencia excepcional \u00a0 \u00a0 ACCION DE TUTELA CONTRA MEDIOS DE COMUNICACION-Solicitud previa de \u00a0 rectificaci\u00f3n al medio informativo como requisito de procedibilidad \u00a0 \u00a0 La jurisprudencia ha establecido que en materia de tutela \u00a0 contra medios de comunicaci\u00f3n, la solicitud de rectificaci\u00f3n se constituye en un \u00a0 requisito de procedibilidad del referido mecanismo de amparo constitucional. \u00a0 \u00a0 LEGITIMACION POR ACTIVA EN TUTELA-Persona natural que act\u00faa a trav\u00e9s de apoderado en \u00a0 defensa de sus propios intereses \u00a0 \u00a0 LEGITIMACION ...<br \/><div class=\"pt-cv-rmwrap\"><a href=\"https:\/\/www.dmsjuridica.com\/buscador_20179478954\/corteconstitucionalcronologico202454587\/t-292-18\/\" class=\"_self pt-cv-readmore btn btn-success\" target=\"_self\">Ver Sentencia Completa...<\/a><\/div><\/div><\/div><\/div>\n<div class=\"col-md-12 col-sm-12 col-xs-12 pt-cv-content-item pt-cv-1-col\" ><div class='pt-cv-ifield'><a href=\"https:\/\/www.dmsjuridica.com\/buscador_20179478954\/corteconstitucionalcronologico202454587\/t-291-18\/\" class=\"_self pt-cv-href-thumbnail pt-cv-thumb-default\" target=\"_self\" ><\/a>\n<div class=\"pt-cv-taxoterm above_title\"><a href='https:\/\/www.dmsjuridica.com\/buscador_20179478954\/corteconstitucionalcronologico202454587\/category\/buscar-en-toda-la-corte\/2018\/tutelas-2018\/' title='Tutelas 2018' class='pt-cv-tax-tutelas-2018'>Tutelas 2018<\/a><\/div>\n<h4 class=\"pt-cv-title\"><a href=\"https:\/\/www.dmsjuridica.com\/buscador_20179478954\/corteconstitucionalcronologico202454587\/t-291-18\/\" class=\"_self\" target=\"_self\" >T-291-18<\/a><\/h4>\n<div class=\"pt-cv-content\">\u00a0 \u00a0 \u00a0 \u00a0 \u00a0T-291-18 \u00a0 \u00a0 \u00a0 \u00a0 \u00a0 \u00a0\u00a0 Sentencia T-291\/18 \u00a0 \u00a0 ACCION DE TUTELA PARA RECLAMAR BONO PENSIONAL-Improcedencia \u00a0 por cuanto se reconoci\u00f3 pensi\u00f3n de vejez \u00a0 \u00a0 En el \u00a0 asunto\u00a0sub-judice, Protecci\u00f3n S.A aleg\u00f3 la vulneraci\u00f3n de los \u00a0 derechos a la seguridad social, al m\u00ednimo vital, al\u00a0habeas data\u00a0y al \u00a0 debido proceso de la se\u00f1ora Cecilia Serrano P\u00e9rez, los cuales consider\u00f3 \u00a0 vulnerados por el Departamento de Vaup\u00e9s, con ocasi\u00f3n de la omisi\u00f3n en la \u00a0 entrega de los soportes de pago de los aportes en pensiones que en favor de la \u00a0 citada ...<br \/><div class=\"pt-cv-rmwrap\"><a href=\"https:\/\/www.dmsjuridica.com\/buscador_20179478954\/corteconstitucionalcronologico202454587\/t-291-18\/\" class=\"_self pt-cv-readmore btn btn-success\" target=\"_self\">Ver Sentencia Completa...<\/a><\/div><\/div><\/div><\/div>\n<div class=\"col-md-12 col-sm-12 col-xs-12 pt-cv-content-item pt-cv-1-col\" ><div class='pt-cv-ifield'><a href=\"https:\/\/www.dmsjuridica.com\/buscador_20179478954\/corteconstitucionalcronologico202454587\/t-290-18\/\" class=\"_self pt-cv-href-thumbnail pt-cv-thumb-default\" target=\"_self\" ><\/a>\n<div class=\"pt-cv-taxoterm above_title\"><a href='https:\/\/www.dmsjuridica.com\/buscador_20179478954\/corteconstitucionalcronologico202454587\/category\/buscar-en-toda-la-corte\/2018\/tutelas-2018\/' title='Tutelas 2018' class='pt-cv-tax-tutelas-2018'>Tutelas 2018<\/a><\/div>\n<h4 class=\"pt-cv-title\"><a href=\"https:\/\/www.dmsjuridica.com\/buscador_20179478954\/corteconstitucionalcronologico202454587\/t-290-18\/\" class=\"_self\" target=\"_self\" >T-290-18<\/a><\/h4>\n<div class=\"pt-cv-content\">\u00a0 \u00a0 \u00a0 \u00a0 \u00a0T-290-18 \u00a0 \u00a0 \u00a0 \u00a0 \u00a0 \u00a0\u00a0 Sentencia T-290\/18 \u00a0 \u00a0 LEGITIMACION POR ACTIVA EN TUTELA-No establece diferencia entre persona nacional o \u00a0 extranjera \u00a0 \u00a0 PRINCIPIO DE SUBSIDIARIEDAD DE LA ACCION DE TUTELA-Juez debe \u00a0 verificar si ante la existencia de otro medio de defensa judicial, \u00e9ste es \u00a0 eficaz e id\u00f3neo \u00a0 \u00a0 ACCION DE TUTELA PARA TRASLADO DE EMBRIONES CRIOPRESERVADOS A \u00a0 UN CENTRO DE FERTILIDAD EN TERRITORIO EXTRANJERO-Procedencia \u00a0 \u00a0 CARENCIA ACTUAL DE OBJETO-Fen\u00f3meno \u00a0 que se configura en los siguientes eventos: hecho superado, da\u00f1o consumado o \u00a0 situaci\u00f3n sobreviniente\u00a0 \u00a0 \u00a0 ...<br \/><div class=\"pt-cv-rmwrap\"><a href=\"https:\/\/www.dmsjuridica.com\/buscador_20179478954\/corteconstitucionalcronologico202454587\/t-290-18\/\" class=\"_self pt-cv-readmore btn btn-success\" target=\"_self\">Ver Sentencia Completa...<\/a><\/div><\/div><\/div><\/div>\n<div class=\"col-md-12 col-sm-12 col-xs-12 pt-cv-content-item pt-cv-1-col\" ><div class='pt-cv-ifield'><a href=\"https:\/\/www.dmsjuridica.com\/buscador_20179478954\/corteconstitucionalcronologico202454587\/t-289-18\/\" class=\"_self pt-cv-href-thumbnail pt-cv-thumb-default\" target=\"_self\" ><\/a>\n<div class=\"pt-cv-taxoterm above_title\"><a href='https:\/\/www.dmsjuridica.com\/buscador_20179478954\/corteconstitucionalcronologico202454587\/category\/buscar-en-toda-la-corte\/2018\/tutelas-2018\/' title='Tutelas 2018' class='pt-cv-tax-tutelas-2018'>Tutelas 2018<\/a><\/div>\n<h4 class=\"pt-cv-title\"><a href=\"https:\/\/www.dmsjuridica.com\/buscador_20179478954\/corteconstitucionalcronologico202454587\/t-289-18\/\" class=\"_self\" target=\"_self\" >T-289-18<\/a><\/h4>\n<div class=\"pt-cv-content\">\u00a0 \u00a0 \u00a0 \u00a0 \u00a0T-289-18 \u00a0 \u00a0 \u00a0 \u00a0 \u00a0 \u00a0\u00a0 Sentencia T-289\/18 \u00a0 \u00a0 ACCION DE TUTELA CONTRA PROVIDENCIAS JUDICIALES-Procedencia excepcional \u00a0 \u00a0 ACCION DE TUTELA CONTRA PROVIDENCIAS JUDICIALES-Requisitos generales y especiales de procedibilidad\u00a0 \u00a0 \u00a0 ACCION DE \u00a0 TUTELA CONTRA PROVIDENCIAS JUDICIALES-Improcedencia \u00a0 por incumplir requisitos generales \u00a0 \u00a0 Esta Sala \u00a0 consider\u00f3 que la tutela\u00a0sub ex\u00e1mine\u00a0no cumple con los siguientes requisitos \u00a0 gen\u00e9ricos de procedibilidad:\u00a0(i)\u00a0relevancia constitucional, por cuanto el asunto no \u00a0 evidencia una la amenaza o vulneraci\u00f3n al derecho fundamental al debido proceso \u00a0 del actor, ya que se trata de una controversia meramente legal del ...<br \/><div class=\"pt-cv-rmwrap\"><a href=\"https:\/\/www.dmsjuridica.com\/buscador_20179478954\/corteconstitucionalcronologico202454587\/t-289-18\/\" class=\"_self pt-cv-readmore btn btn-success\" target=\"_self\">Ver Sentencia Completa...<\/a><\/div><\/div><\/div><\/div>\n<div class=\"col-md-12 col-sm-12 col-xs-12 pt-cv-content-item pt-cv-1-col\" ><div class='pt-cv-ifield'><a href=\"https:\/\/www.dmsjuridica.com\/buscador_20179478954\/corteconstitucionalcronologico202454587\/t-288-18\/\" class=\"_self pt-cv-href-thumbnail pt-cv-thumb-default\" target=\"_self\" ><\/a>\n<div class=\"pt-cv-taxoterm above_title\"><a href='https:\/\/www.dmsjuridica.com\/buscador_20179478954\/corteconstitucionalcronologico202454587\/category\/buscar-en-toda-la-corte\/2018\/tutelas-2018\/' title='Tutelas 2018' class='pt-cv-tax-tutelas-2018'>Tutelas 2018<\/a><\/div>\n<h4 class=\"pt-cv-title\"><a href=\"https:\/\/www.dmsjuridica.com\/buscador_20179478954\/corteconstitucionalcronologico202454587\/t-288-18\/\" class=\"_self\" target=\"_self\" >T-288-18<\/a><\/h4>\n<div class=\"pt-cv-content\">\u00a0 \u00a0 \u00a0 \u00a0 \u00a0T-288-18 \u00a0 \u00a0 \u00a0 \u00a0 \u00a0 \u00a0\u00a0 Sentencia \u00a0 T-288\/18 \u00a0 \u00a0\u00a0 LEGITIMACION POR ACTIVA EN \u00a0 TUTELA-Persona natural que act\u00faa en defensa de sus \u00a0 propios intereses \u00a0 \u00a0 LEGITIMACION POR PASIVA EN \u00a0 TUTELA-Autoridades p\u00fablicas \u00a0 \u00a0 PRINCIPIO DE \u00a0 INMEDIATEZ EN ACCION DE TUTELA-Reglas \u00a0 generales \u00a0 \u00a0 PRINCIPIO DE SUBSIDIARIEDAD DE \u00a0 LA ACCION DE TUTELA-Juez debe verificar \u00a0 si ante la existencia de otro medio de defensa judicial, \u00e9ste es eficaz e id\u00f3neo \u00a0 \u00a0 ACCION DE TUTELA PARA PROTEGER \u00a0 DERECHO A LA IGUALDAD, AL LIBRE DESARROLLO DE LA PERSONALIDAD ...<br \/><div class=\"pt-cv-rmwrap\"><a href=\"https:\/\/www.dmsjuridica.com\/buscador_20179478954\/corteconstitucionalcronologico202454587\/t-288-18\/\" class=\"_self pt-cv-readmore btn btn-success\" target=\"_self\">Ver Sentencia Completa...<\/a><\/div><\/div><\/div><\/div>\n<div class=\"col-md-12 col-sm-12 col-xs-12 pt-cv-content-item pt-cv-1-col\" ><div class='pt-cv-ifield'><a href=\"https:\/\/www.dmsjuridica.com\/buscador_20179478954\/corteconstitucionalcronologico202454587\/t-287-18\/\" class=\"_self pt-cv-href-thumbnail pt-cv-thumb-default\" target=\"_self\" ><\/a>\n<div class=\"pt-cv-taxoterm above_title\"><a href='https:\/\/www.dmsjuridica.com\/buscador_20179478954\/corteconstitucionalcronologico202454587\/category\/buscar-en-toda-la-corte\/2018\/tutelas-2018\/' title='Tutelas 2018' class='pt-cv-tax-tutelas-2018'>Tutelas 2018<\/a><\/div>\n<h4 class=\"pt-cv-title\"><a href=\"https:\/\/www.dmsjuridica.com\/buscador_20179478954\/corteconstitucionalcronologico202454587\/t-287-18\/\" class=\"_self\" target=\"_self\" >T-287-18<\/a><\/h4>\n<div class=\"pt-cv-content\">\u00a0 \u00a0 \u00a0 \u00a0 \u00a0T-287-18 \u00a0 \u00a0 \u00a0 \u00a0 \u00a0 \u00a0\u00a0 Sentencia \u00a0 T-287\/18 \u00a0 \u00a0 AGENCIA OFICIOSA EN TUTELA-Padre en representaci\u00f3n de hijo en condici\u00f3n de \u00a0 discapacidad \u00a0 \u00a0 LEGITIMACION POR PASIVA EN TUTELA-Autoridad p\u00fablica \u00a0 \u00a0 ACCION DE TUTELA PARA PROTEGER EL DERECHO A LA \u00a0 SALUD DE PERSONA EN SITUACION DE DISCAPACIDAD-Procedencia \u00a0 \u00a0 PRINCIPIO DEL INTERES SUPERIOR DEL MENOR-Consagraci\u00f3n \u00a0 constitucional e internacional \u00a0 \u00a0 NI\u00d1OS Y NI\u00d1AS COMO SUJETOS DE ESPECIAL PROTECCION \u00a0 E INTERES SUPERIOR DEL MENOR-Protecci\u00f3n y sus derechos prevalecen sobre los derechos de \u00a0 los dem\u00e1s \u00a0 \u00a0 INTERES SUPERIOR DEL ...<br \/><div class=\"pt-cv-rmwrap\"><a href=\"https:\/\/www.dmsjuridica.com\/buscador_20179478954\/corteconstitucionalcronologico202454587\/t-287-18\/\" class=\"_self pt-cv-readmore btn btn-success\" target=\"_self\">Ver Sentencia Completa...<\/a><\/div><\/div><\/div><\/div>\n<div class=\"col-md-12 col-sm-12 col-xs-12 pt-cv-content-item pt-cv-1-col\" ><div class='pt-cv-ifield'><a href=\"https:\/\/www.dmsjuridica.com\/buscador_20179478954\/corteconstitucionalcronologico202454587\/t-286-18\/\" class=\"_self pt-cv-href-thumbnail pt-cv-thumb-default\" target=\"_self\" ><\/a>\n<div class=\"pt-cv-taxoterm above_title\"><a href='https:\/\/www.dmsjuridica.com\/buscador_20179478954\/corteconstitucionalcronologico202454587\/category\/buscar-en-toda-la-corte\/2018\/tutelas-2018\/' title='Tutelas 2018' class='pt-cv-tax-tutelas-2018'>Tutelas 2018<\/a><\/div>\n<h4 class=\"pt-cv-title\"><a href=\"https:\/\/www.dmsjuridica.com\/buscador_20179478954\/corteconstitucionalcronologico202454587\/t-286-18\/\" class=\"_self\" target=\"_self\" >T-286-18<\/a><\/h4>\n<div class=\"pt-cv-content\">Sentencia T-286\/18 \u00a0 \u00a0 DERECHO AL DEBIDO PROCESO-Caso \u00a0 en que notificaci\u00f3n de fallo de tutela se realiz\u00f3 v\u00eda telef\u00f3nica y recurso de \u00a0 impugnaci\u00f3n fue negado por extempor\u00e1neo \u00a0 \u00a0 ACCION \u00a0 DE TUTELA CONTRA SENTENCIA DE TUTELA-Reiteraci\u00f3n de jurisprudencia sobre la improcedencia \u00a0 \u00a0 ACCION DE TUTELA \u00a0 CONTRA SENTENCIA DE TUTELA-Procedencia \u00a0 excepcional cuando concurren determinados elementos que requieren la actuaci\u00f3n \u00a0 inmediata del juez constitucional para revertir o detener situaciones \u00a0 fraudulentas y graves \u00a0 \u00a0 Cuando el fallo es proferido por un juez o tribunal diferente a \u00a0 esta Corporaci\u00f3n, se ha admitido de forma ...<br \/><div class=\"pt-cv-rmwrap\"><a href=\"https:\/\/www.dmsjuridica.com\/buscador_20179478954\/corteconstitucionalcronologico202454587\/t-286-18\/\" class=\"_self pt-cv-readmore btn btn-success\" target=\"_self\">Ver Sentencia Completa...<\/a><\/div><\/div><\/div><\/div>\n<div class=\"col-md-12 col-sm-12 col-xs-12 pt-cv-content-item pt-cv-1-col\" ><div class='pt-cv-ifield'><a href=\"https:\/\/www.dmsjuridica.com\/buscador_20179478954\/corteconstitucionalcronologico202454587\/t-285-18\/\" class=\"_self pt-cv-href-thumbnail pt-cv-thumb-default\" target=\"_self\" ><\/a>\n<div class=\"pt-cv-taxoterm above_title\"><a href='https:\/\/www.dmsjuridica.com\/buscador_20179478954\/corteconstitucionalcronologico202454587\/category\/buscar-en-toda-la-corte\/2018\/tutelas-2018\/' title='Tutelas 2018' class='pt-cv-tax-tutelas-2018'>Tutelas 2018<\/a><\/div>\n<h4 class=\"pt-cv-title\"><a href=\"https:\/\/www.dmsjuridica.com\/buscador_20179478954\/corteconstitucionalcronologico202454587\/t-285-18\/\" class=\"_self\" target=\"_self\" >T-285-18<\/a><\/h4>\n<div class=\"pt-cv-content\">\u00a0 \u00a0 \u00a0 \u00a0 \u00a0T-285-18 \u00a0 \u00a0 \u00a0 \u00a0 \u00a0 \u00a0\u00a0 Sentencia T-285\/18 \u00a0 \u00a0 ACCION DE \u00a0 TUTELA PARA EL PAGO DE LICENCIA DE MATERNIDAD-Requisitos de procedencia \u00a0 \u00a0 Esta Corte ha se\u00f1alado que la acci\u00f3n de tutela \u00a0 resulta ser el medio id\u00f3neo para reclamar el reconocimiento y pago de la \u00a0 licencia de maternidad a partir de la comprobaci\u00f3n de las siguientes \u00a0 circunstancias: (i) se interponga dentro del a\u00f1o siguiente al nacimiento; y (ii) \u00a0 la presunci\u00f3n de afectaci\u00f3n al m\u00ednimo vital de la madre y su hijo ante la \u00a0 ausencia del pago de dicha ...<br \/><div class=\"pt-cv-rmwrap\"><a href=\"https:\/\/www.dmsjuridica.com\/buscador_20179478954\/corteconstitucionalcronologico202454587\/t-285-18\/\" class=\"_self pt-cv-readmore btn btn-success\" target=\"_self\">Ver Sentencia Completa...<\/a><\/div><\/div><\/div><\/div>\n<div class=\"col-md-12 col-sm-12 col-xs-12 pt-cv-content-item pt-cv-1-col\" ><div class='pt-cv-ifield'><a href=\"https:\/\/www.dmsjuridica.com\/buscador_20179478954\/corteconstitucionalcronologico202454587\/t-284-18\/\" class=\"_self pt-cv-href-thumbnail pt-cv-thumb-default\" target=\"_self\" ><\/a>\n<div class=\"pt-cv-taxoterm above_title\"><a href='https:\/\/www.dmsjuridica.com\/buscador_20179478954\/corteconstitucionalcronologico202454587\/category\/buscar-en-toda-la-corte\/2018\/tutelas-2018\/' title='Tutelas 2018' class='pt-cv-tax-tutelas-2018'>Tutelas 2018<\/a><\/div>\n<h4 class=\"pt-cv-title\"><a href=\"https:\/\/www.dmsjuridica.com\/buscador_20179478954\/corteconstitucionalcronologico202454587\/t-284-18\/\" class=\"_self\" target=\"_self\" >T-284-18<\/a><\/h4>\n<div class=\"pt-cv-content\">\u00a0 \u00a0 \u00a0 \u00a0 \u00a0T-284-18 \u00a0 \u00a0 \u00a0 \u00a0 \u00a0 \u00a0\u00a0 Sentencia T-284\/18 \u00a0 \u00a0 ACCION DE TUTELA \u00a0 CONTRA PROVIDENCIAS JUDICIALES-Procedencia \u00a0 excepcional \u00a0 \u00a0 ACCION DE TUTELA \u00a0 CONTRA PROVIDENCIAS JUDICIALES-Requisitos generales \u00a0 y especiales de procedibilidad \u00a0 \u00a0 JUEZ DE TUTELA-Facultad de fallar \u00a0 extra y ultra petita\u00a0 \u00a0 \u00a0 ACCION DE TUTELA PARA SOLICITAR PRISION DOMICILIARIA-Improcedencia por no acreditar perjuicio \u00a0 irremediable \u00a0 \u00a0 Referencia: Expediente T-6.542.714 \u00a0 \u00a0 Demandante: Juan \u00a0 David Jim\u00e9nez Ruiz \u00a0 \u00a0 Demandado: \u00a0 Juzgado Veintis\u00e9is Penal del Circuito de Medell\u00edn \u00a0 \u00a0 Magistrado \u00a0 Sustanciador: \u00a0 \u00a0 Bogot\u00e1, D.C., veintitr\u00e9s ...<br \/><div class=\"pt-cv-rmwrap\"><a href=\"https:\/\/www.dmsjuridica.com\/buscador_20179478954\/corteconstitucionalcronologico202454587\/t-284-18\/\" class=\"_self pt-cv-readmore btn btn-success\" target=\"_self\">Ver Sentencia Completa...<\/a><\/div><\/div><\/div><\/div>\n<div class=\"col-md-12 col-sm-12 col-xs-12 pt-cv-content-item pt-cv-1-col\" ><div class='pt-cv-ifield'><a href=\"https:\/\/www.dmsjuridica.com\/buscador_20179478954\/corteconstitucionalcronologico202454587\/t-283-18\/\" class=\"_self pt-cv-href-thumbnail pt-cv-thumb-default\" target=\"_self\" ><\/a>\n<div class=\"pt-cv-taxoterm above_title\"><a href='https:\/\/www.dmsjuridica.com\/buscador_20179478954\/corteconstitucionalcronologico202454587\/category\/buscar-en-toda-la-corte\/2018\/tutelas-2018\/' title='Tutelas 2018' class='pt-cv-tax-tutelas-2018'>Tutelas 2018<\/a><\/div>\n<h4 class=\"pt-cv-title\"><a href=\"https:\/\/www.dmsjuridica.com\/buscador_20179478954\/corteconstitucionalcronologico202454587\/t-283-18\/\" class=\"_self\" target=\"_self\" >T-283-18<\/a><\/h4>\n<div class=\"pt-cv-content\">\u00a0 \u00a0 \u00a0 \u00a0 \u00a0T-283-18 \u00a0 \u00a0 \u00a0 \u00a0 \u00a0 \u00a0\u00a0 Sentencia T-283\/18 \u00a0 \u00a0 ACCION DE TUTELA CONTRA PROVIDENCIAS JUDICIALES-Procedencia \u00a0 excepcional \u00a0 \u00a0 ACCION DE TUTELA CONTRA PROVIDENCIAS JUDICIALES-Requisitos \u00a0 generales de procedibilidad \u00a0 \u00a0 JUEZ DE TUTELA-Facultad de \u00a0 fallar extra y ultra petita \u00a0 \u00a0 DEBIDO PROCESO ADMINISTRATIVO-Reiteraci\u00f3n de \u00a0 jurisprudencia \u00a0 \u00a0 DEBIDO PROCESO ADMINISTRATIVO-Definici\u00f3n \u00a0 \u00a0 Esta Corporaci\u00f3n ha definido el debido proceso administrativo \u00a0 como\u00a0\u201c(i) el conjunto complejo de condiciones que le impone la ley a la \u00a0 administraci\u00f3n, materializado en el cumplimiento de una secuencia de actos por \u00a0 parte de la ...<br \/><div class=\"pt-cv-rmwrap\"><a href=\"https:\/\/www.dmsjuridica.com\/buscador_20179478954\/corteconstitucionalcronologico202454587\/t-283-18\/\" class=\"_self pt-cv-readmore btn btn-success\" target=\"_self\">Ver Sentencia Completa...<\/a><\/div><\/div><\/div><\/div>\n<div class=\"col-md-12 col-sm-12 col-xs-12 pt-cv-content-item pt-cv-1-col\" ><div class='pt-cv-ifield'><a href=\"https:\/\/www.dmsjuridica.com\/buscador_20179478954\/corteconstitucionalcronologico202454587\/t-282-18\/\" class=\"_self pt-cv-href-thumbnail pt-cv-thumb-default\" target=\"_self\" ><\/a>\n<div class=\"pt-cv-taxoterm above_title\"><a href='https:\/\/www.dmsjuridica.com\/buscador_20179478954\/corteconstitucionalcronologico202454587\/category\/buscar-en-toda-la-corte\/2018\/tutelas-2018\/' title='Tutelas 2018' class='pt-cv-tax-tutelas-2018'>Tutelas 2018<\/a><\/div>\n<h4 class=\"pt-cv-title\"><a href=\"https:\/\/www.dmsjuridica.com\/buscador_20179478954\/corteconstitucionalcronologico202454587\/t-282-18\/\" class=\"_self\" target=\"_self\" >T-282-18<\/a><\/h4>\n<div class=\"pt-cv-content\">\u00a0 \u00a0 \u00a0 \u00a0 \u00a0T-282-18 \u00a0 \u00a0 \u00a0 \u00a0 \u00a0 \u00a0\u00a0 Sentencia T-282\/18 \u00a0 \u00a0 ACCION DE TUTELA EN MATERIA DE LIBERTAD DE ESCOGER PROFESION U \u00a0 OFICIO-Procedencia \u00a0 \u00a0 PRINCIPIO DE SUBSIDIARIEDAD DE LA ACCION DE TUTELA-Juez debe verificar si ante la existencia de otro \u00a0 medio de defensa judicial, \u00e9ste es eficaz e id\u00f3neo \u00a0 \u00a0 PRINCIPIO DE INMEDIATEZ EN ACCION DE TUTELA-Reglas generales \u00a0 \u00a0 DERECHO A LA LIBERTAD DE ESCOGER PROFESION U OFICIO-Contenido y alcance \u00a0 \u00a0 DERECHO A ESCOGER PROFESION U OFICIO-Relaci\u00f3n directa con el derecho al trabajo, al \u00a0 libre desarrollo de la personalidad ...<br \/><div class=\"pt-cv-rmwrap\"><a href=\"https:\/\/www.dmsjuridica.com\/buscador_20179478954\/corteconstitucionalcronologico202454587\/t-282-18\/\" class=\"_self pt-cv-readmore btn btn-success\" target=\"_self\">Ver Sentencia Completa...<\/a><\/div><\/div><\/div><\/div>\n<div class=\"col-md-12 col-sm-12 col-xs-12 pt-cv-content-item pt-cv-1-col\" ><div class='pt-cv-ifield'><a href=\"https:\/\/www.dmsjuridica.com\/buscador_20179478954\/corteconstitucionalcronologico202454587\/t-281-18\/\" class=\"_self pt-cv-href-thumbnail pt-cv-thumb-default\" target=\"_self\" ><\/a>\n<div class=\"pt-cv-taxoterm above_title\"><a href='https:\/\/www.dmsjuridica.com\/buscador_20179478954\/corteconstitucionalcronologico202454587\/category\/buscar-en-toda-la-corte\/2018\/tutelas-2018\/' title='Tutelas 2018' class='pt-cv-tax-tutelas-2018'>Tutelas 2018<\/a><\/div>\n<h4 class=\"pt-cv-title\"><a href=\"https:\/\/www.dmsjuridica.com\/buscador_20179478954\/corteconstitucionalcronologico202454587\/t-281-18\/\" class=\"_self\" target=\"_self\" >T-281-18<\/a><\/h4>\n<div class=\"pt-cv-content\">\u00a0 \u00a0 \u00a0 \u00a0 \u00a0T-281-18 \u00a0 \u00a0 \u00a0 \u00a0 \u00a0 \u00a0\u00a0 Sentencia T-281\/18 \u00a0 \u00a0 DERECHO A LA SEGURIDAD SOCIAL-Es \u00a0 un derecho fundamental y un servicio p\u00fablico cuya prestaci\u00f3n debe asegurar el \u00a0 Estado\u00a0 \u00a0 \u00a0 DERECHO FUNDAMENTAL A LA \u00a0 SEGURIDAD SOCIAL-Concepto, naturaleza y \u00a0 protecci\u00f3n constitucional \u00a0 \u00a0 DERECHO A LA SEGURIDAD SOCIAL-Reconocimiento \u00a0 del car\u00e1cter fundamental en el \u00e1mbito internacional \u00a0 \u00a0 DERECHO FUNDAMENTAL A LA \u00a0 SEGURIDAD SOCIAL Y PROTECCION POR MEDIO DE ACCION DE TUTELA-Procedencia \u00a0 excepcional \u00a0 \u00a0 SUSTITUCION PENSIONAL-Naturaleza, \u00a0 finalidad y principios constitucionales \u00a0 \u00a0 SUSTITUCION PENSIONAL-Requisitos \u00a0 que debe acreditar ...<br \/><div class=\"pt-cv-rmwrap\"><a href=\"https:\/\/www.dmsjuridica.com\/buscador_20179478954\/corteconstitucionalcronologico202454587\/t-281-18\/\" class=\"_self pt-cv-readmore btn btn-success\" target=\"_self\">Ver Sentencia Completa...<\/a><\/div><\/div><\/div><\/div>\n<div class=\"col-md-12 col-sm-12 col-xs-12 pt-cv-content-item pt-cv-1-col\" ><div class='pt-cv-ifield'><a href=\"https:\/\/www.dmsjuridica.com\/buscador_20179478954\/corteconstitucionalcronologico202454587\/t-280-18\/\" class=\"_self pt-cv-href-thumbnail pt-cv-thumb-default\" target=\"_self\" ><\/a>\n<div class=\"pt-cv-taxoterm above_title\"><a href='https:\/\/www.dmsjuridica.com\/buscador_20179478954\/corteconstitucionalcronologico202454587\/category\/buscar-en-toda-la-corte\/2018\/tutelas-2018\/' title='Tutelas 2018' class='pt-cv-tax-tutelas-2018'>Tutelas 2018<\/a><\/div>\n<h4 class=\"pt-cv-title\"><a href=\"https:\/\/www.dmsjuridica.com\/buscador_20179478954\/corteconstitucionalcronologico202454587\/t-280-18\/\" class=\"_self\" target=\"_self\" >T-280-18<\/a><\/h4>\n<div class=\"pt-cv-content\">\u00a0 \u00a0 \u00a0 \u00a0 \u00a0T-280-18 \u00a0 \u00a0 \u00a0 \u00a0 \u00a0 \u00a0\u00a0 Sentencia T-280\/18 \u00a0 \u00a0 ACCION DE TUTELA PARA RECLAMAR EL \u00a0 RECONOCIMIENTO Y PAGO DE DERECHOS PENSIONALES-Procedencia excepcional \u00a0 \u00a0 La Corte \u00a0 Constitucional ha establecido de manera clara y reiterada que, por regla \u00a0 general, la acci\u00f3n de tutela no procede para el reconocimiento de derechos \u00a0 pensionales, pues los ciudadanos pueden ejercer la acci\u00f3n contenciosa \u00a0 administrativa o la laboral ordinaria para dirimir este tipo de conflictos. Ahora bien, esta Corporaci\u00f3n ha se\u00f1alado que la anterior regla \u00a0 opera como una f\u00f3rmula general de procedibilidad que puede ...<br \/><div class=\"pt-cv-rmwrap\"><a href=\"https:\/\/www.dmsjuridica.com\/buscador_20179478954\/corteconstitucionalcronologico202454587\/t-280-18\/\" class=\"_self pt-cv-readmore btn btn-success\" target=\"_self\">Ver Sentencia Completa...<\/a><\/div><\/div><\/div><\/div>\n<div class=\"col-md-12 col-sm-12 col-xs-12 pt-cv-content-item pt-cv-1-col\" ><div class='pt-cv-ifield'><a href=\"https:\/\/www.dmsjuridica.com\/buscador_20179478954\/corteconstitucionalcronologico202454587\/t-279-18\/\" class=\"_self pt-cv-href-thumbnail pt-cv-thumb-default\" target=\"_self\" ><\/a>\n<div class=\"pt-cv-taxoterm above_title\"><a href='https:\/\/www.dmsjuridica.com\/buscador_20179478954\/corteconstitucionalcronologico202454587\/category\/buscar-en-toda-la-corte\/2018\/tutelas-2018\/' title='Tutelas 2018' class='pt-cv-tax-tutelas-2018'>Tutelas 2018<\/a><\/div>\n<h4 class=\"pt-cv-title\"><a href=\"https:\/\/www.dmsjuridica.com\/buscador_20179478954\/corteconstitucionalcronologico202454587\/t-279-18\/\" class=\"_self\" target=\"_self\" >T-279-18<\/a><\/h4>\n<div class=\"pt-cv-content\">\u00a0 \u00a0 \u00a0 \u00a0 \u00a0T-279-18 \u00a0 \u00a0 \u00a0 \u00a0 \u00a0 \u00a0\u00a0 Sentencia T-279\/18 \u00a0 \u00a0 DERECHO A LA EDUCACION DE NI\u00d1OS Y \u00a0 NI\u00d1AS-Caso en que Secretar\u00eda de Educaci\u00f3n neg\u00f3 designar un funcionario \u00a0 administrativo para prestar el servicio de aseo en instituci\u00f3n educativa \u00a0 \u00a0 LEGITIMACION POR \u00a0 ACTIVA EN TUTELA-Cualquier persona puede exigir el cumplimiento de los \u00a0 derechos de los ni\u00f1os \u00a0 \u00a0 LEGITIMACION EN LA \u00a0 CAUSA POR ACTIVA Y AGENCIA OFICIOSA EN LA ACCION DE TUTELA-Requisitos \u00a0 \u00a0 LEGITIMACION POR \u00a0 ACTIVA EN TUTELA-Persona natural actuando en calidad de rector de \u00a0 instituci\u00f3n educativa y ...<br \/><div class=\"pt-cv-rmwrap\"><a href=\"https:\/\/www.dmsjuridica.com\/buscador_20179478954\/corteconstitucionalcronologico202454587\/t-279-18\/\" class=\"_self pt-cv-readmore btn btn-success\" target=\"_self\">Ver Sentencia Completa...<\/a><\/div><\/div><\/div><\/div>\n<div class=\"col-md-12 col-sm-12 col-xs-12 pt-cv-content-item pt-cv-1-col\" ><div class='pt-cv-ifield'><a href=\"https:\/\/www.dmsjuridica.com\/buscador_20179478954\/corteconstitucionalcronologico202454587\/t-278-18\/\" class=\"_self pt-cv-href-thumbnail pt-cv-thumb-default\" target=\"_self\" ><\/a>\n<div class=\"pt-cv-taxoterm above_title\"><a href='https:\/\/www.dmsjuridica.com\/buscador_20179478954\/corteconstitucionalcronologico202454587\/category\/buscar-en-toda-la-corte\/2018\/tutelas-2018\/' title='Tutelas 2018' class='pt-cv-tax-tutelas-2018'>Tutelas 2018<\/a><\/div>\n<h4 class=\"pt-cv-title\"><a href=\"https:\/\/www.dmsjuridica.com\/buscador_20179478954\/corteconstitucionalcronologico202454587\/t-278-18\/\" class=\"_self\" target=\"_self\" >T-278-18<\/a><\/h4>\n<div class=\"pt-cv-content\">Sentencia T-278\/18 \u00a0 \u00a0 DERECHO A LA LICENCIA DE \u00a0 MATERNIDAD-Caso en que EPS neg\u00f3 \u00a0 prestaci\u00f3n por cuanto accionante no present\u00f3 una traducci\u00f3n oficial de la \u00a0 historia cl\u00ednica de hijo nacido en el exterior \u00a0 \u00a0 PRESUNCION DE VERACIDAD EN TUTELA CUANDO EL DEMANDADO NO RINDE EL \u00a0 INFORME SOLICITADO POR EL JUEZ \u00a0 \u00a0 LEGITIMACION POR ACTIVA EN TUTELA-Persona \u00a0 natural que act\u00faa en defensa de sus propios intereses \u00a0 \u00a0 LEGITIMACION POR ACTIVA EN TUTELA-Madre en \u00a0 representaci\u00f3n de hija menor de edad \u00a0 \u00a0 ACCION DE TUTELA CONTRA PARTICULARES-Procedencia \u00a0 excepcional \u00a0 \u00a0 LEGITIMACION POR ...<br \/><div class=\"pt-cv-rmwrap\"><a href=\"https:\/\/www.dmsjuridica.com\/buscador_20179478954\/corteconstitucionalcronologico202454587\/t-278-18\/\" class=\"_self pt-cv-readmore btn btn-success\" target=\"_self\">Ver Sentencia Completa...<\/a><\/div><\/div><\/div><\/div>\n<div class=\"col-md-12 col-sm-12 col-xs-12 pt-cv-content-item pt-cv-1-col\" ><div class='pt-cv-ifield'><a href=\"https:\/\/www.dmsjuridica.com\/buscador_20179478954\/corteconstitucionalcronologico202454587\/t-277-18\/\" class=\"_self pt-cv-href-thumbnail pt-cv-thumb-default\" target=\"_self\" ><\/a>\n<div class=\"pt-cv-taxoterm above_title\"><a href='https:\/\/www.dmsjuridica.com\/buscador_20179478954\/corteconstitucionalcronologico202454587\/category\/buscar-en-toda-la-corte\/2018\/tutelas-2018\/' title='Tutelas 2018' class='pt-cv-tax-tutelas-2018'>Tutelas 2018<\/a><\/div>\n<h4 class=\"pt-cv-title\"><a href=\"https:\/\/www.dmsjuridica.com\/buscador_20179478954\/corteconstitucionalcronologico202454587\/t-277-18\/\" class=\"_self\" target=\"_self\" >T-277-18<\/a><\/h4>\n<div class=\"pt-cv-content\">\u00a0 \u00a0 \u00a0 \u00a0 \u00a0T-277-18 \u00a0 \u00a0 \u00a0 \u00a0 \u00a0 \u00a0\u00a0 Sentencia T-277\/18 \u00a0 \u00a0 DERECHOS A LA INTIMIDAD, BUEN NOMBRE Y HONRA FRENTE A LIBERTAD DE \u00a0 EXPRESION Y OPINION-Caso en que se realizaron \u00a0 publicaciones en Facebook sobre la gesti\u00f3n como alcalde del accionante \u00a0 \u00a0 ACCION DE TUTELA CONTRA PARTICULARES-Procedencia excepcional \u00a0 \u00a0 ACCION DE TUTELA CONTRA PARTICULARES CUANDO EL \u00a0 AFECTADO SE ENCUENTRA EN ESTADO DE INDEFENSION-Lineamientos constitucionales para establecer si una persona se encuentra \u00a0 en estado de indefensi\u00f3n \u00a0 \u00a0 ESTADO DE INDEFENSION-Configuraci\u00f3n cuando se da la circulaci\u00f3n de informaci\u00f3n u \u00a0 otro tipo ...<br \/><div class=\"pt-cv-rmwrap\"><a href=\"https:\/\/www.dmsjuridica.com\/buscador_20179478954\/corteconstitucionalcronologico202454587\/t-277-18\/\" class=\"_self pt-cv-readmore btn btn-success\" target=\"_self\">Ver Sentencia Completa...<\/a><\/div><\/div><\/div><\/div>\n<div class=\"col-md-12 col-sm-12 col-xs-12 pt-cv-content-item pt-cv-1-col\" ><div class='pt-cv-ifield'><a href=\"https:\/\/www.dmsjuridica.com\/buscador_20179478954\/corteconstitucionalcronologico202454587\/t-276-18\/\" class=\"_self pt-cv-href-thumbnail pt-cv-thumb-default\" target=\"_self\" ><\/a>\n<div class=\"pt-cv-taxoterm above_title\"><a href='https:\/\/www.dmsjuridica.com\/buscador_20179478954\/corteconstitucionalcronologico202454587\/category\/buscar-en-toda-la-corte\/2018\/tutelas-2018\/' title='Tutelas 2018' class='pt-cv-tax-tutelas-2018'>Tutelas 2018<\/a><\/div>\n<h4 class=\"pt-cv-title\"><a href=\"https:\/\/www.dmsjuridica.com\/buscador_20179478954\/corteconstitucionalcronologico202454587\/t-276-18\/\" class=\"_self\" target=\"_self\" >T-276-18<\/a><\/h4>\n<div class=\"pt-cv-content\">\u00a0 \u00a0 \u00a0 \u00a0 \u00a0T-276-18 \u00a0 \u00a0 \u00a0 \u00a0 \u00a0 \u00a0\u00a0 Sentencia T-276\/18 \u00a0 \u00a0 CARENCIA ACTUAL DE OBJETO-Configuraci\u00f3n y \u00a0 caracter\u00edsticas \u00a0 \u00a0 CARENCIA ACTUAL DE OBJETO-Fen\u00f3meno que se configura en los siguientes \u00a0 eventos: hecho superado, da\u00f1o consumado o situaci\u00f3n sobreviniente \u00a0 \u00a0 CARENCIA ACTUAL DE OBJETO POR \u00a0 HECHO SUPERADO-Se reconoci\u00f3 pensi\u00f3n de invalidez\u00a0\u00a0\u00a0\u00a0\u00a0\u00a0\u00a0\u00a0\u00a0\u00a0\u00a0\u00a0\u00a0\u00a0\u00a0\u00a0\u00a0\u00a0\u00a0\u00a0\u00a0\u00a0\u00a0\u00a0\u00a0\u00a0\u00a0\u00a0\u00a0\u00a0\u00a0\u00a0\u00a0\u00a0\u00a0\u00a0\u00a0\u00a0\u00a0\u00a0\u00a0\u00a0\u00a0\u00a0\u00a0\u00a0\u00a0\u00a0\u00a0\u00a0\u00a0\u00a0\u00a0\u00a0 \u00a0 \u00a0 Referencia: Expediente T-6.606.932 \u00a0 \u00a0 Acci\u00f3n \u00a0 de tutela formulada por Jhon Fredy Cardona Cardona, contra la Administradora \u00a0 Colombiana de Pensiones -Colpensiones- \u00a0 \u00a0 Magistrado \u00a0 Ponente:\u00a0\u00a0\u00a0\u00a0\u00a0\u00a0\u00a0\u00a0\u00a0\u00a0\u00a0\u00a0 \u00a0 ALBERTO ROJAS R\u00cdOS \u00a0 \u00a0 Bogot\u00e1 D.C., diecis\u00e9is (16) de julio de ...<br \/><div class=\"pt-cv-rmwrap\"><a href=\"https:\/\/www.dmsjuridica.com\/buscador_20179478954\/corteconstitucionalcronologico202454587\/t-276-18\/\" class=\"_self pt-cv-readmore btn btn-success\" target=\"_self\">Ver Sentencia Completa...<\/a><\/div><\/div><\/div><\/div>\n<div class=\"col-md-12 col-sm-12 col-xs-12 pt-cv-content-item pt-cv-1-col\" ><div class='pt-cv-ifield'><a href=\"https:\/\/www.dmsjuridica.com\/buscador_20179478954\/corteconstitucionalcronologico202454587\/t-275-18\/\" class=\"_self pt-cv-href-thumbnail pt-cv-thumb-default\" target=\"_self\" ><\/a>\n<div class=\"pt-cv-taxoterm above_title\"><a href='https:\/\/www.dmsjuridica.com\/buscador_20179478954\/corteconstitucionalcronologico202454587\/category\/buscar-en-toda-la-corte\/2018\/tutelas-2018\/' title='Tutelas 2018' class='pt-cv-tax-tutelas-2018'>Tutelas 2018<\/a><\/div>\n<h4 class=\"pt-cv-title\"><a href=\"https:\/\/www.dmsjuridica.com\/buscador_20179478954\/corteconstitucionalcronologico202454587\/t-275-18\/\" class=\"_self\" target=\"_self\" >T-275-18<\/a><\/h4>\n<div class=\"pt-cv-content\">\u00a0 \u00a0 \u00a0 \u00a0 \u00a0T-275-18 \u00a0 \u00a0 \u00a0 \u00a0 \u00a0 \u00a0\u00a0 Sentencia \u00a0 T-275\/18 \u00a0 \u00a0 ACCION DE TUTELA TEMERARIA-Concepto\/ACCION DE TUTELA TEMERARIA-Elementos para su \u00a0 configuraci\u00f3n \u00a0 \u00a0 ACCION DE \u00a0 TUTELA TEMERARIA-Casos en que pese a la identidad de procesos no se \u00a0 configura temeridad\u00a0 \u00a0 \u00a0 ACCION DE \u00a0 TUTELA TEMERARIA-Inexistencia para el caso \u00a0 \u00a0 ACCION DE TUTELA CONTRA PROVIDENCIAS JUDICIALES-Reiteraci\u00f3n de jurisprudencia \u00a0 sobre procedencia excepcional\u00a0 \u00a0 \u00a0 ACCION DE TUTELA CONTRA PROVIDENCIAS JUDICIALES-Evoluci\u00f3n jurisprudencial \u00a0 respecto al reemplazo de la expresi\u00f3n \"v\u00eda de hecho\" por la de \"causales \u00a0 gen\u00e9ricas de procedibilidad\" \u00a0 \u00a0 ...<br \/><div class=\"pt-cv-rmwrap\"><a href=\"https:\/\/www.dmsjuridica.com\/buscador_20179478954\/corteconstitucionalcronologico202454587\/t-275-18\/\" class=\"_self pt-cv-readmore btn btn-success\" target=\"_self\">Ver Sentencia Completa...<\/a><\/div><\/div><\/div><\/div>\n<div class=\"col-md-12 col-sm-12 col-xs-12 pt-cv-content-item pt-cv-1-col\" ><div class='pt-cv-ifield'><a href=\"https:\/\/www.dmsjuridica.com\/buscador_20179478954\/corteconstitucionalcronologico202454587\/t-274-18\/\" class=\"_self pt-cv-href-thumbnail pt-cv-thumb-default\" target=\"_self\" ><\/a>\n<div class=\"pt-cv-taxoterm above_title\"><a href='https:\/\/www.dmsjuridica.com\/buscador_20179478954\/corteconstitucionalcronologico202454587\/category\/buscar-en-toda-la-corte\/2018\/tutelas-2018\/' title='Tutelas 2018' class='pt-cv-tax-tutelas-2018'>Tutelas 2018<\/a><\/div>\n<h4 class=\"pt-cv-title\"><a href=\"https:\/\/www.dmsjuridica.com\/buscador_20179478954\/corteconstitucionalcronologico202454587\/t-274-18\/\" class=\"_self\" target=\"_self\" >T-274-18<\/a><\/h4>\n<div class=\"pt-cv-content\">\u00a0 \u00a0 \u00a0 \u00a0 \u00a0T-274-18 \u00a0 \u00a0 \u00a0 \u00a0 \u00a0 \u00a0\u00a0 NOTA DE RELATORIA: Mediante Auto 517 de fecha 16 de agosto de 2018, el cual se \u00a0 anexa en la parte final de la presente providencia, se dispone corregir la misma \u00a0 en el sentido de reemplazar los apellidos Arbel\u00e1ez Cabrera asignados por error a \u00a0 la accionante, por los que verdaderamente corresponden a su nombre, esto es, \u00a0 Arbel\u00e1ez Valencia. \u00a0 \u00a0 Sentencia T-274\/18 \u00a0 \u00a0 REGISTRO UNICO DE \u00a0 VICTIMAS-Caso en que se niega inscripci\u00f3n en el Registro \u00a0 \u00danico de V\u00edctimas \u00a0 \u00a0 ACCION DE TUTELA ...<br \/><div class=\"pt-cv-rmwrap\"><a href=\"https:\/\/www.dmsjuridica.com\/buscador_20179478954\/corteconstitucionalcronologico202454587\/t-274-18\/\" class=\"_self pt-cv-readmore btn btn-success\" target=\"_self\">Ver Sentencia Completa...<\/a><\/div><\/div><\/div><\/div>\n<div class=\"col-md-12 col-sm-12 col-xs-12 pt-cv-content-item pt-cv-1-col\" ><div class='pt-cv-ifield'><a href=\"https:\/\/www.dmsjuridica.com\/buscador_20179478954\/corteconstitucionalcronologico202454587\/t-273-18\/\" class=\"_self pt-cv-href-thumbnail pt-cv-thumb-default\" target=\"_self\" ><\/a>\n<div class=\"pt-cv-taxoterm above_title\"><a href='https:\/\/www.dmsjuridica.com\/buscador_20179478954\/corteconstitucionalcronologico202454587\/category\/buscar-en-toda-la-corte\/2018\/tutelas-2018\/' title='Tutelas 2018' class='pt-cv-tax-tutelas-2018'>Tutelas 2018<\/a><\/div>\n<h4 class=\"pt-cv-title\"><a href=\"https:\/\/www.dmsjuridica.com\/buscador_20179478954\/corteconstitucionalcronologico202454587\/t-273-18\/\" class=\"_self\" target=\"_self\" >T-273-18<\/a><\/h4>\n<div class=\"pt-cv-content\">\u00a0 \u00a0 \u00a0 \u00a0 \u00a0T-273-18 \u00a0 \u00a0 \u00a0 \u00a0 \u00a0 \u00a0\u00a0 Sentencia T-273\/18 \u00a0 \u00a0 LEGITIMACION POR ACTIVA EN TUTELA-Persona natural \u00a0 actuando como representaci\u00f3n de \u00a0 hermana que padece enfermedad mental \u00a0 \u00a0 LEGITIMACION POR PASIVA EN TUTELA-Autoridad p\u00fablica \u00a0 \u00a0 ACCION DE TUTELA PARA RECLAMAR EL RECONOCIMIENTO Y PAGO DE DERECHOS \u00a0 PENSIONALES-Procedencia excepcional \u00a0 \u00a0 SUSTITUCION PENSIONAL Y PENSION DE SOBREVIVIENTES-Diferencias \u00a0 \u00a0 DERECHO A LA PENSION DE SOBREVIVIENTES Y A LA SUSTITUCION PENSIONAL-Requisitos\u00a0 \u00a0 \u00a0 SUSTITUCION PENSIONAL-Requisitos que debe acreditar el hijo en situaci\u00f3n \u00a0 de discapacidad para ser beneficiario \u00a0 \u00a0 Trat\u00e1ndose de los\u00a0hijos inv\u00e1lidos, ...<br \/><div class=\"pt-cv-rmwrap\"><a href=\"https:\/\/www.dmsjuridica.com\/buscador_20179478954\/corteconstitucionalcronologico202454587\/t-273-18\/\" class=\"_self pt-cv-readmore btn btn-success\" target=\"_self\">Ver Sentencia Completa...<\/a><\/div><\/div><\/div><\/div>\n<div class=\"col-md-12 col-sm-12 col-xs-12 pt-cv-content-item pt-cv-1-col\" ><div class='pt-cv-ifield'><a href=\"https:\/\/www.dmsjuridica.com\/buscador_20179478954\/corteconstitucionalcronologico202454587\/t-272-18\/\" class=\"_self pt-cv-href-thumbnail pt-cv-thumb-default\" target=\"_self\" ><\/a>\n<div class=\"pt-cv-taxoterm above_title\"><a href='https:\/\/www.dmsjuridica.com\/buscador_20179478954\/corteconstitucionalcronologico202454587\/category\/buscar-en-toda-la-corte\/2018\/tutelas-2018\/' title='Tutelas 2018' class='pt-cv-tax-tutelas-2018'>Tutelas 2018<\/a><\/div>\n<h4 class=\"pt-cv-title\"><a href=\"https:\/\/www.dmsjuridica.com\/buscador_20179478954\/corteconstitucionalcronologico202454587\/t-272-18\/\" class=\"_self\" target=\"_self\" >T-272-18<\/a><\/h4>\n<div class=\"pt-cv-content\">\u00a0 \u00a0 \u00a0 \u00a0 \u00a0T-272-18 \u00a0 \u00a0 \u00a0 \u00a0 \u00a0 \u00a0\u00a0 Sentencia T-272\/18 \u00a0 \u00a0 ACCION DE TUTELA CONTRA PROVIDENCIAS JUDICIALES-Procedencia \u00a0 excepcional \u00a0 \u00a0 ACCION DE TUTELA CONTRA PROVIDENCIAS JUDICIALES-Requisitos \u00a0 generales y especiales de procedibilidad \u00a0 \u00a0 CARACTERIZACION DEL DEFECTO PROCEDIMENTAL ABSOLUTO COMO CAUSAL DE \u00a0 PROCEDIBILIDAD DE LA ACCION DE TUTELA CONTRA PROVIDENCIAS JUDICIALES-Reiteraci\u00f3n \u00a0 de jurisprudencia \u00a0 \u00a0 CONTRATO DE SEGUROS-Reiteraci\u00f3n de \u00a0 jurisprudencia \u00a0 \u00a0 CONTRATO DE SEGUROS-Caracter\u00edsticas \u00a0 \u00a0 PRINCIPIO DE LA BUENA FE EN CONTRATO DE SEGUROS \u00a0 \u00a0 RETICENCIA O INEXACTITUD EN \u00a0 EL CONTRATO DE SEGURO \u00a0 \u00a0 CONTRATO DE SEGUROS-Jurisprudencia ...<br \/><div class=\"pt-cv-rmwrap\"><a href=\"https:\/\/www.dmsjuridica.com\/buscador_20179478954\/corteconstitucionalcronologico202454587\/t-272-18\/\" class=\"_self pt-cv-readmore btn btn-success\" target=\"_self\">Ver Sentencia Completa...<\/a><\/div><\/div><\/div><\/div>\n<div class=\"col-md-12 col-sm-12 col-xs-12 pt-cv-content-item pt-cv-1-col\" ><div class='pt-cv-ifield'><a href=\"https:\/\/www.dmsjuridica.com\/buscador_20179478954\/corteconstitucionalcronologico202454587\/t-271-18\/\" class=\"_self pt-cv-href-thumbnail pt-cv-thumb-default\" target=\"_self\" ><\/a>\n<div class=\"pt-cv-taxoterm above_title\"><a href='https:\/\/www.dmsjuridica.com\/buscador_20179478954\/corteconstitucionalcronologico202454587\/category\/buscar-en-toda-la-corte\/2018\/tutelas-2018\/' title='Tutelas 2018' class='pt-cv-tax-tutelas-2018'>Tutelas 2018<\/a><\/div>\n<h4 class=\"pt-cv-title\"><a href=\"https:\/\/www.dmsjuridica.com\/buscador_20179478954\/corteconstitucionalcronologico202454587\/t-271-18\/\" class=\"_self\" target=\"_self\" >T-271-18<\/a><\/h4>\n<div class=\"pt-cv-content\">Sentencia T-271\/18 \u00a0 \u00a0 ESTABILIDAD LABORAL REFORZADA DE MUJER EMBARAZADA-Presupuestos para la \u00a0 procedencia de la acci\u00f3n de tutela \u00a0 \u00a0 ACCION DE TUTELA PARA \u00a0 RECLAMAR ESTABILIDAD LABORAL REFORZADA DE MUJER EMBARAZADA-Improcedencia por existir otro medio de defensa judicial y no \u00a0 acreditar perjuicio irremediable \u00a0 \u00a0 Referencia: \u00a0 Expediente T-6.605.524 \u00a0 \u00a0 Asunto: \u00a0 Acci\u00f3n de tutela instaurada por la se\u00f1ora Ingrid Carolina Villa Mora, contra la \u00a0 empresa Integra 21 S.A.S. \u00a0 \u00a0 Magistrado \u00a0 Ponente: \u00a0 \u00a0 LUIS \u00a0 GUILLERMO GUERRERO P\u00c9REZ \u00a0 \u00a0 Bogot\u00e1 DC,\u00a0 doce (12) de \u00a0 julio de dos mil dieciocho (2018) ...<br \/><div class=\"pt-cv-rmwrap\"><a href=\"https:\/\/www.dmsjuridica.com\/buscador_20179478954\/corteconstitucionalcronologico202454587\/t-271-18\/\" class=\"_self pt-cv-readmore btn btn-success\" target=\"_self\">Ver Sentencia Completa...<\/a><\/div><\/div><\/div><\/div>\n<div class=\"col-md-12 col-sm-12 col-xs-12 pt-cv-content-item pt-cv-1-col\" ><div class='pt-cv-ifield'><a href=\"https:\/\/www.dmsjuridica.com\/buscador_20179478954\/corteconstitucionalcronologico202454587\/t-270-18\/\" class=\"_self pt-cv-href-thumbnail pt-cv-thumb-default\" target=\"_self\" ><\/a>\n<div class=\"pt-cv-taxoterm above_title\"><a href='https:\/\/www.dmsjuridica.com\/buscador_20179478954\/corteconstitucionalcronologico202454587\/category\/buscar-en-toda-la-corte\/2018\/tutelas-2018\/' title='Tutelas 2018' class='pt-cv-tax-tutelas-2018'>Tutelas 2018<\/a><\/div>\n<h4 class=\"pt-cv-title\"><a href=\"https:\/\/www.dmsjuridica.com\/buscador_20179478954\/corteconstitucionalcronologico202454587\/t-270-18\/\" class=\"_self\" target=\"_self\" >T-270-18<\/a><\/h4>\n<div class=\"pt-cv-content\">\u00a0 \u00a0 \u00a0 \u00a0 \u00a0T-270-18 \u00a0 \u00a0 \u00a0 \u00a0 \u00a0 \u00a0\u00a0 Sentencia T-270\/18 \u00a0 \u00a0\u00a0 ACCION DE TUTELA PARA SOLICITAR \u00a0 REINTEGRO LABORAL-Improcedencia por existir otro medio de defensa judicial \u00a0 \u00a0 CARENCIA ACTUAL DE OBJETO-Fallecimiento de accionante \u00a0 \u00a0 Referencia: Expediente T-6473324 \u00a0 \u00a0 Acci\u00f3n de tutela interpuesta por Jos\u00e9 del Carmen \u00a0 Rodr\u00edguez Robayo contra Germ\u00e1n Castillo Contreras. \u00a0 \u00a0 Magistrado ponente: \u00a0 \u00a0 LUIS GUILLERMO GUERRERO P\u00c9REZ \u00a0 \u00a0 Bogot\u00e1, D.C., once (11) de julio de dos mil dieciocho (2018). \u00a0 \u00a0 La \u00a0 Sala Segunda de Revisi\u00f3n de la Corte Constitucional, integrada por los \u00a0 magistrados ...<br \/><div class=\"pt-cv-rmwrap\"><a href=\"https:\/\/www.dmsjuridica.com\/buscador_20179478954\/corteconstitucionalcronologico202454587\/t-270-18\/\" class=\"_self pt-cv-readmore btn btn-success\" target=\"_self\">Ver Sentencia Completa...<\/a><\/div><\/div><\/div><\/div>\n<div class=\"col-md-12 col-sm-12 col-xs-12 pt-cv-content-item pt-cv-1-col\" ><div class='pt-cv-ifield'><a href=\"https:\/\/www.dmsjuridica.com\/buscador_20179478954\/corteconstitucionalcronologico202454587\/t-269-18\/\" class=\"_self pt-cv-href-thumbnail pt-cv-thumb-default\" target=\"_self\" ><\/a>\n<div class=\"pt-cv-taxoterm above_title\"><a href='https:\/\/www.dmsjuridica.com\/buscador_20179478954\/corteconstitucionalcronologico202454587\/category\/buscar-en-toda-la-corte\/2018\/tutelas-2018\/' title='Tutelas 2018' class='pt-cv-tax-tutelas-2018'>Tutelas 2018<\/a><\/div>\n<h4 class=\"pt-cv-title\"><a href=\"https:\/\/www.dmsjuridica.com\/buscador_20179478954\/corteconstitucionalcronologico202454587\/t-269-18\/\" class=\"_self\" target=\"_self\" >T-269-18<\/a><\/h4>\n<div class=\"pt-cv-content\">\u00a0 \u00a0 \u00a0 \u00a0 \u00a0T-269-18 \u00a0 \u00a0 \u00a0 \u00a0 \u00a0 \u00a0\u00a0 ACCION DE TUTELA CONTRA PROVIDENCIAS JUDICIALES-Procedencia \u00a0 excepcional \u00a0 \u00a0 ACCION DE TUTELA CONTRA PROVIDENCIAS JUDICIALES-Requisitos \u00a0 generales y especiales de procedibilidad \u00a0 \u00a0 ACCION DE TUTELA CONTRA PROVIDENCIAS JUDICIALES-Procedencia \u00a0 por falta de motivaci\u00f3n en demanda de nulidad de matrimonio \u00a0 \u00a0 Referencia: Expediente T-6.508.932 \u00a0 \u00a0 Acci\u00f3n de tutela interpuesta por Mariela Caballero Galindo en \u00a0 contra de la Sala de Familia del Tribunal Superior de Bogot\u00e1. \u00a0 \u00a0 Magistrado ponente: \u00a0 \u00a0 CARLOS BERNAL PULIDO \u00a0 \u00a0 Bogot\u00e1, D.C., once (11) de julio de dos mil ...<br \/><div class=\"pt-cv-rmwrap\"><a href=\"https:\/\/www.dmsjuridica.com\/buscador_20179478954\/corteconstitucionalcronologico202454587\/t-269-18\/\" class=\"_self pt-cv-readmore btn btn-success\" target=\"_self\">Ver Sentencia Completa...<\/a><\/div><\/div><\/div><\/div>\n<div class=\"col-md-12 col-sm-12 col-xs-12 pt-cv-content-item pt-cv-1-col\" ><div class='pt-cv-ifield'><a href=\"https:\/\/www.dmsjuridica.com\/buscador_20179478954\/corteconstitucionalcronologico202454587\/t-268-18\/\" class=\"_self pt-cv-href-thumbnail pt-cv-thumb-default\" target=\"_self\" ><\/a>\n<div class=\"pt-cv-taxoterm above_title\"><a href='https:\/\/www.dmsjuridica.com\/buscador_20179478954\/corteconstitucionalcronologico202454587\/category\/buscar-en-toda-la-corte\/2018\/tutelas-2018\/' title='Tutelas 2018' class='pt-cv-tax-tutelas-2018'>Tutelas 2018<\/a><\/div>\n<h4 class=\"pt-cv-title\"><a href=\"https:\/\/www.dmsjuridica.com\/buscador_20179478954\/corteconstitucionalcronologico202454587\/t-268-18\/\" class=\"_self\" target=\"_self\" >T-268-18<\/a><\/h4>\n<div class=\"pt-cv-content\">\u00a0 \u00a0 \u00a0 \u00a0 \u00a0T-268-18 \u00a0 \u00a0 \u00a0 \u00a0 \u00a0 \u00a0\u00a0 Sentencia \u00a0 T-268\/18 \u00a0 \u00a0 DERECHO A LA RELIQUIDACION DE INDEMNIZACION SUSTITUTIVA DE PENSION \u00a0 DE VEJEZ-Caso en que Colpensiones condicion\u00f3 \u00a0 reconocimiento a la presentaci\u00f3n de una sentencia de interdicci\u00f3n judicial \u00a0 \u00a0 PRINCIPIO DE SUBSIDIARIEDAD DE \u00a0 LA ACCION DE TUTELA-Juez debe verificar \u00a0 si ante la existencia de otro medio de defensa judicial, \u00e9ste es eficaz e id\u00f3neo \u00a0 \u00a0 ACCION DE TUTELA PARA OBTENER RELIQUIDACION PENSIONAL-Procedencia de reliquidaci\u00f3n de indemnizaci\u00f3n \u00a0 sustitutiva \u00a0 \u00a0 ACTO ADMINISTRATIVO DEFINITIVO-Proceden los recursos de reposici\u00f3n, apelaci\u00f3n y \u00a0 queja\/ACTO ...<br \/><div class=\"pt-cv-rmwrap\"><a href=\"https:\/\/www.dmsjuridica.com\/buscador_20179478954\/corteconstitucionalcronologico202454587\/t-268-18\/\" class=\"_self pt-cv-readmore btn btn-success\" target=\"_self\">Ver Sentencia Completa...<\/a><\/div><\/div><\/div><\/div>\n<div class=\"col-md-12 col-sm-12 col-xs-12 pt-cv-content-item pt-cv-1-col\" ><div class='pt-cv-ifield'><a href=\"https:\/\/www.dmsjuridica.com\/buscador_20179478954\/corteconstitucionalcronologico202454587\/t-267-18\/\" class=\"_self pt-cv-href-thumbnail pt-cv-thumb-default\" target=\"_self\" ><\/a>\n<div class=\"pt-cv-taxoterm above_title\"><a href='https:\/\/www.dmsjuridica.com\/buscador_20179478954\/corteconstitucionalcronologico202454587\/category\/buscar-en-toda-la-corte\/2018\/tutelas-2018\/' title='Tutelas 2018' class='pt-cv-tax-tutelas-2018'>Tutelas 2018<\/a><\/div>\n<h4 class=\"pt-cv-title\"><a href=\"https:\/\/www.dmsjuridica.com\/buscador_20179478954\/corteconstitucionalcronologico202454587\/t-267-18\/\" class=\"_self\" target=\"_self\" >T-267-18<\/a><\/h4>\n<div class=\"pt-cv-content\">\u00a0 \u00a0 \u00a0 \u00a0 \u00a0T-267-18 \u00a0 \u00a0 \u00a0 \u00a0 \u00a0 \u00a0\u00a0 Sentencia 267\/18 \u00a0 \u00a0 LEGITIMACION POR \u00a0 ACTIVA DEL MINISTERIO PUBLICO EN MATERIA DE ACCION DE TUTELA-Reiteraci\u00f3n de \u00a0 jurisprudencia \u00a0 \u00a0 LEGITIMACION POR \u00a0 ACTIVA EN TUTELA-Procuradores Judiciales Penales en representaci\u00f3n \u00a0 de mujeres privadas de la libertad \u00a0 \u00a0 ACCION DE TUTELA PARA \u00a0 PROTEGER DERECHOS FUNDAMENTALES DE MUJERES PRIVADAS DE LA LIBERTAD-Procedencia \u00a0 \u00a0 ESTADO DE COSAS \u00a0 INCONSTITUCIONAL EN EL SISTEMA PENITENCIARIO Y CARCELARIO-L\u00edmites y facultades \u00a0 del juez de tutela en su labor de protecci\u00f3n de los derechos fundamentales \u00a0 \u00a0 ESTADO DE COSAS ...<br \/><div class=\"pt-cv-rmwrap\"><a href=\"https:\/\/www.dmsjuridica.com\/buscador_20179478954\/corteconstitucionalcronologico202454587\/t-267-18\/\" class=\"_self pt-cv-readmore btn btn-success\" target=\"_self\">Ver Sentencia Completa...<\/a><\/div><\/div><\/div><\/div>\n<div class=\"col-md-12 col-sm-12 col-xs-12 pt-cv-content-item pt-cv-1-col\" ><div class='pt-cv-ifield'><a href=\"https:\/\/www.dmsjuridica.com\/buscador_20179478954\/corteconstitucionalcronologico202454587\/t-266-18\/\" class=\"_self pt-cv-href-thumbnail pt-cv-thumb-default\" target=\"_self\" ><\/a>\n<div class=\"pt-cv-taxoterm above_title\"><a href='https:\/\/www.dmsjuridica.com\/buscador_20179478954\/corteconstitucionalcronologico202454587\/category\/buscar-en-toda-la-corte\/2018\/tutelas-2018\/' title='Tutelas 2018' class='pt-cv-tax-tutelas-2018'>Tutelas 2018<\/a><\/div>\n<h4 class=\"pt-cv-title\"><a href=\"https:\/\/www.dmsjuridica.com\/buscador_20179478954\/corteconstitucionalcronologico202454587\/t-266-18\/\" class=\"_self\" target=\"_self\" >T-266-18<\/a><\/h4>\n<div class=\"pt-cv-content\">\u00a0 \u00a0 \u00a0 \u00a0 \u00a0T-266-18 \u00a0 \u00a0 \u00a0 \u00a0 \u00a0 \u00a0\u00a0 Sentencia T-266\/18 \u00a0 \u00a0 DERECHO FUNDAMENTAL AL AGUA-Facetas \u00a0 \u00a0 ACCION DE TUTELA PARA \u00a0 SOLICITAR PROTECCION DEL DERECHO AL AGUA-Procedencia excepcional\u00a0 \u00a0 \u00a0 ACCION DE TUTELA \u00a0 CUANDO UNA PERSONA DISFRUTA EL SERVICIO DE AGUA DE MANERA ILEGAL-Improcedencia \u00a0 \u00a0 ACCION DE TUTELA PARA SOLICITAR PROTECCION DEL DERECHO AL AGUA-Improcedencia por cuanto accionante ocupa un \u00a0 asentamiento de forma ilegal \u00a0 \u00a0 \u00a0\u00a0\u00a0\u00a0\u00a0\u00a0\u00a0\u00a0\u00a0\u00a0\u00a0\u00a0\u00a0\u00a0\u00a0\u00a0\u00a0\u00a0\u00a0\u00a0\u00a0\u00a0\u00a0\u00a0\u00a0 \u00a0 \u00a0 \u00a0 \u00a0 \u00a0 \u00a0Referencia: \u00a0 \u00a0Expedientes 6.564.880. \u00a0 \u00a0 Acci\u00f3n de tutela presentada por Celmira Garc\u00eda de Aldana contra el Municipio de \u00a0 ...<br \/><div class=\"pt-cv-rmwrap\"><a href=\"https:\/\/www.dmsjuridica.com\/buscador_20179478954\/corteconstitucionalcronologico202454587\/t-266-18\/\" class=\"_self pt-cv-readmore btn btn-success\" target=\"_self\">Ver Sentencia Completa...<\/a><\/div><\/div><\/div><\/div>\n<div class=\"col-md-12 col-sm-12 col-xs-12 pt-cv-content-item pt-cv-1-col\" ><div class='pt-cv-ifield'><a href=\"https:\/\/www.dmsjuridica.com\/buscador_20179478954\/corteconstitucionalcronologico202454587\/t-265-18\/\" class=\"_self pt-cv-href-thumbnail pt-cv-thumb-default\" target=\"_self\" ><\/a>\n<div class=\"pt-cv-taxoterm above_title\"><a href='https:\/\/www.dmsjuridica.com\/buscador_20179478954\/corteconstitucionalcronologico202454587\/category\/buscar-en-toda-la-corte\/2018\/tutelas-2018\/' title='Tutelas 2018' class='pt-cv-tax-tutelas-2018'>Tutelas 2018<\/a><\/div>\n<h4 class=\"pt-cv-title\"><a href=\"https:\/\/www.dmsjuridica.com\/buscador_20179478954\/corteconstitucionalcronologico202454587\/t-265-18\/\" class=\"_self\" target=\"_self\" >T-265-18<\/a><\/h4>\n<div class=\"pt-cv-content\">\u00a0 \u00a0 \u00a0 \u00a0 \u00a0T-265-18 \u00a0 \u00a0 \u00a0 \u00a0 \u00a0 \u00a0\u00a0 Sentencia \u00a0 T-265\/18 \u00a0 \u00a0 ACCION DE TUTELA PARA RECLAMAR EL \u00a0 RECONOCIMIENTO Y PAGO DE DERECHOS PENSIONALES-Procedencia \u00a0 excepcional \u00a0 \u00a0 PRINCIPIO DE SUBSIDIARIEDAD DE LA ACCION DE TUTELA-Juez debe verificar \u00a0 si ante la existencia de otro medio de defensa judicial, \u00e9ste es eficaz e id\u00f3neo \u00a0 \u00a0 ACCION DE TUTELA PARA RECONOCIMIENTO DE PENSION DE \u00a0 INVALIDEZ-Procedencia excepcional por afectaci\u00f3n al m\u00ednimo vital y vida digna de \u00a0 sujetos de especial protecci\u00f3n \u00a0 \u00a0 PRINCIPIO DE INMEDIATEZ EN ACCION DE TUTELA-Reglas generales \u00a0 \u00a0 PRINCIPIO DE ...<br \/><div class=\"pt-cv-rmwrap\"><a href=\"https:\/\/www.dmsjuridica.com\/buscador_20179478954\/corteconstitucionalcronologico202454587\/t-265-18\/\" class=\"_self pt-cv-readmore btn btn-success\" target=\"_self\">Ver Sentencia Completa...<\/a><\/div><\/div><\/div><\/div>\n<div class=\"col-md-12 col-sm-12 col-xs-12 pt-cv-content-item pt-cv-1-col\" ><div class='pt-cv-ifield'><a href=\"https:\/\/www.dmsjuridica.com\/buscador_20179478954\/corteconstitucionalcronologico202454587\/t-264-18\/\" class=\"_self pt-cv-href-thumbnail pt-cv-thumb-default\" target=\"_self\" ><\/a>\n<div class=\"pt-cv-taxoterm above_title\"><a href='https:\/\/www.dmsjuridica.com\/buscador_20179478954\/corteconstitucionalcronologico202454587\/category\/buscar-en-toda-la-corte\/2018\/tutelas-2018\/' title='Tutelas 2018' class='pt-cv-tax-tutelas-2018'>Tutelas 2018<\/a><\/div>\n<h4 class=\"pt-cv-title\"><a href=\"https:\/\/www.dmsjuridica.com\/buscador_20179478954\/corteconstitucionalcronologico202454587\/t-264-18\/\" class=\"_self\" target=\"_self\" >T-264-18<\/a><\/h4>\n<div class=\"pt-cv-content\">\u00a0 \u00a0 \u00a0 \u00a0 \u00a0T-264-18 \u00a0 \u00a0 \u00a0 \u00a0 \u00a0 \u00a0\u00a0 Sentencia T-264\/18 \u00a0 \u00a0\u00a0 ACCION DE TUTELA \u00a0 CONTRA ACTO ADMINISTRATIVO-Improcedencia general \u00a0 \u00a0 ACCION DE TUTELA CONTRA ACTOS \u00a0 ADMINISTRATIVOS-Procedencia excepcional como mecanismo transitorio \u00a0 para evitar un perjuicio irremediable \u00a0 \u00a0 ACCION DE TUTELA \u00a0 CONTRA ACTOS ADMINISTRATIVOS DE TRAMITE O PREPARATORIOS-Procedencia \u00a0 excepcional\u00a0 \u00a0 \u00a0 ACCION DE TUTELA CONTRA LA CONTRALORIA \u00a0 GENERAL DE LA REPUBLICA-Improcedencia por \u00a0 existir otro medio de defensa judicial en proceso de responsabilidad fiscal \u00a0 \u00a0 Referencia: Expediente T-6.573.938 \u00a0 \u00a0 Acci\u00f3n de tutela presentada por Salvador Rodr\u00edguez Machado en contra ...<br \/><div class=\"pt-cv-rmwrap\"><a href=\"https:\/\/www.dmsjuridica.com\/buscador_20179478954\/corteconstitucionalcronologico202454587\/t-264-18\/\" class=\"_self pt-cv-readmore btn btn-success\" target=\"_self\">Ver Sentencia Completa...<\/a><\/div><\/div><\/div><\/div>\n<div class=\"col-md-12 col-sm-12 col-xs-12 pt-cv-content-item pt-cv-1-col\" ><div class='pt-cv-ifield'><a href=\"https:\/\/www.dmsjuridica.com\/buscador_20179478954\/corteconstitucionalcronologico202454587\/t-263-18\/\" class=\"_self pt-cv-href-thumbnail pt-cv-thumb-default\" target=\"_self\" ><\/a>\n<div class=\"pt-cv-taxoterm above_title\"><a href='https:\/\/www.dmsjuridica.com\/buscador_20179478954\/corteconstitucionalcronologico202454587\/category\/buscar-en-toda-la-corte\/2018\/tutelas-2018\/' title='Tutelas 2018' class='pt-cv-tax-tutelas-2018'>Tutelas 2018<\/a><\/div>\n<h4 class=\"pt-cv-title\"><a href=\"https:\/\/www.dmsjuridica.com\/buscador_20179478954\/corteconstitucionalcronologico202454587\/t-263-18\/\" class=\"_self\" target=\"_self\" >T-263-18<\/a><\/h4>\n<div class=\"pt-cv-content\">\u00a0 \u00a0 \u00a0 \u00a0 \u00a0T-263-18 \u00a0 \u00a0 \u00a0 \u00a0 \u00a0 \u00a0\u00a0 Sentencia T-263\/18 \u00a0 \u00a0\u00a0 ACCION DE TUTELA PARA RECONOCIMIENTO DE DA\u00d1OS Y PERJUICIOS-Improcedencia \u00a0 general \u00a0 \u00a0 ACCION DE TUTELA CONTRA PROVIDENCIAS JUDICIALES-Procedencia \u00a0 excepcional \u00a0 \u00a0 ACCION DE TUTELA CONTRA PROVIDENCIAS JUDICIALES-Requisitos \u00a0 generales y especiales de procedibilidad \u00a0 \u00a0 DERECHOS DE LAS VICTIMAS DE DELITOS-Fundamento constitucional \u00a0 \u00a0 DERECHOS DE LAS VICTIMAS-Est\u00e1ndares \u00a0 internacionales \u00a0 \u00a0 DERECHOS DE LAS VICTIMAS EN PROCESO PENAL-Jurisprudencia \u00a0 constitucional \u00a0 \u00a0 La jurisprudencia constitucional ha precisado que la \u00a0 efectividad de los derechos de las v\u00edctimas en el proceso penal depende ...<br \/><div class=\"pt-cv-rmwrap\"><a href=\"https:\/\/www.dmsjuridica.com\/buscador_20179478954\/corteconstitucionalcronologico202454587\/t-263-18\/\" class=\"_self pt-cv-readmore btn btn-success\" target=\"_self\">Ver Sentencia Completa...<\/a><\/div><\/div><\/div><\/div>\n<div class=\"col-md-12 col-sm-12 col-xs-12 pt-cv-content-item pt-cv-1-col\" ><div class='pt-cv-ifield'><a href=\"https:\/\/www.dmsjuridica.com\/buscador_20179478954\/corteconstitucionalcronologico202454587\/t-262-18\/\" class=\"_self pt-cv-href-thumbnail pt-cv-thumb-default\" target=\"_self\" ><\/a>\n<div class=\"pt-cv-taxoterm above_title\"><a href='https:\/\/www.dmsjuridica.com\/buscador_20179478954\/corteconstitucionalcronologico202454587\/category\/buscar-en-toda-la-corte\/2018\/tutelas-2018\/' title='Tutelas 2018' class='pt-cv-tax-tutelas-2018'>Tutelas 2018<\/a><\/div>\n<h4 class=\"pt-cv-title\"><a href=\"https:\/\/www.dmsjuridica.com\/buscador_20179478954\/corteconstitucionalcronologico202454587\/t-262-18\/\" class=\"_self\" target=\"_self\" >T-262-18<\/a><\/h4>\n<div class=\"pt-cv-content\">\u00a0 \u00a0 \u00a0 \u00a0 \u00a0T-262-18 \u00a0 \u00a0 \u00a0 \u00a0 \u00a0 \u00a0\u00a0 Sentencia T-262\/18 \u00a0 \u00a0\u00a0 ACCION DE TUTELA CONTRA PROVIDENCIAS JUDICIALES-Procedencia \u00a0 excepcional \u00a0 \u00a0 ACCION DE TUTELA CONTRA PROVIDENCIAS JUDICIALES-Requisitos \u00a0 generales y especiales de procedibilidad \u00a0 \u00a0 INTERES SUPERIOR DEL MENOR-Prevalencia de \u00a0 los derechos de los ni\u00f1os \u00a0 \u00a0 INTERES SUPERIOR DEL MENOR-Contenido \u00a0 y alcance\u00a0 \u00a0 \u00a0 INTERES SUPERIOR DEL MENOR Y PROTECCION DE NI\u00d1OS, \u00a0 NI\u00d1AS Y ADOLESCENTES-Protecci\u00f3n constitucional e internacional\u00a0 \u00a0 \u00a0 INTERES SUPERIOR DE LOS NI\u00d1OS, NI\u00d1AS Y \u00a0 ADOLESCENTES-Caracter\u00edsticas \u00a0 \u00a0 \u00a0La Corte Constitucional ha definido las \u00a0 caracter\u00edsticas de ese inter\u00e9s ...<br \/><div class=\"pt-cv-rmwrap\"><a href=\"https:\/\/www.dmsjuridica.com\/buscador_20179478954\/corteconstitucionalcronologico202454587\/t-262-18\/\" class=\"_self pt-cv-readmore btn btn-success\" target=\"_self\">Ver Sentencia Completa...<\/a><\/div><\/div><\/div><\/div>\n<div class=\"col-md-12 col-sm-12 col-xs-12 pt-cv-content-item pt-cv-1-col\" ><div class='pt-cv-ifield'><a href=\"https:\/\/www.dmsjuridica.com\/buscador_20179478954\/corteconstitucionalcronologico202454587\/t-261-18\/\" class=\"_self pt-cv-href-thumbnail pt-cv-thumb-default\" target=\"_self\" ><\/a>\n<div class=\"pt-cv-taxoterm above_title\"><a href='https:\/\/www.dmsjuridica.com\/buscador_20179478954\/corteconstitucionalcronologico202454587\/category\/buscar-en-toda-la-corte\/2018\/tutelas-2018\/' title='Tutelas 2018' class='pt-cv-tax-tutelas-2018'>Tutelas 2018<\/a><\/div>\n<h4 class=\"pt-cv-title\"><a href=\"https:\/\/www.dmsjuridica.com\/buscador_20179478954\/corteconstitucionalcronologico202454587\/t-261-18\/\" class=\"_self\" target=\"_self\" >T-261-18<\/a><\/h4>\n<div class=\"pt-cv-content\">\u00a0 \u00a0 \u00a0 \u00a0 \u00a0T-261-18 \u00a0 \u00a0 \u00a0 \u00a0 \u00a0 \u00a0\u00a0 Sentencia T-261\/18 \u00a0 \u00a0 ACCION DE TUTELA PARA CUMPLIMIENTO DE \u00a0 SENTENCIAS-Alcance\/OBLIGACION \u00a0 DE HACER-Cumplimiento \u00a0 \u00a0 ACCION DE TUTELA PARA CUMPLIMIENTO DE \u00a0 SENTENCIAS-Procedencia \u00a0 excepcional para cumplimiento de sentencias que generen obligaciones de dar \u00a0 \u00a0 ACCION DE TUTELA PARA CUMPLIMIENTO DE \u00a0 FALLO QUE ORDENA PAGO DE PENSION GRACIA-Improcedencia por existir otro medio de defensa \u00a0 judicial \u00a0 \u00a0 Referencia: \u00a0 Expediente: T-6.567.043. \u00a0 \u00a0 Asunto: Acci\u00f3n de \u00a0 tutela presentada por Ana Marlen Tinoco Beltr\u00e1n contra la Unidad Administrativa \u00a0 de Gesti\u00f3n Pensional y Parafiscales ...<br \/><div class=\"pt-cv-rmwrap\"><a href=\"https:\/\/www.dmsjuridica.com\/buscador_20179478954\/corteconstitucionalcronologico202454587\/t-261-18\/\" class=\"_self pt-cv-readmore btn btn-success\" target=\"_self\">Ver Sentencia Completa...<\/a><\/div><\/div><\/div><\/div>\n<div class=\"col-md-12 col-sm-12 col-xs-12 pt-cv-content-item pt-cv-1-col\" ><div class='pt-cv-ifield'><a href=\"https:\/\/www.dmsjuridica.com\/buscador_20179478954\/corteconstitucionalcronologico202454587\/t-260-18\/\" class=\"_self pt-cv-href-thumbnail pt-cv-thumb-default\" target=\"_self\" ><\/a>\n<div class=\"pt-cv-taxoterm above_title\"><a href='https:\/\/www.dmsjuridica.com\/buscador_20179478954\/corteconstitucionalcronologico202454587\/category\/buscar-en-toda-la-corte\/2018\/tutelas-2018\/' title='Tutelas 2018' class='pt-cv-tax-tutelas-2018'>Tutelas 2018<\/a><\/div>\n<h4 class=\"pt-cv-title\"><a href=\"https:\/\/www.dmsjuridica.com\/buscador_20179478954\/corteconstitucionalcronologico202454587\/t-260-18\/\" class=\"_self\" target=\"_self\" >T-260-18<\/a><\/h4>\n<div class=\"pt-cv-content\">\u00a0 \u00a0 \u00a0 \u00a0 \u00a0T-260-18 \u00a0 \u00a0 \u00a0 \u00a0 \u00a0 \u00a0\u00a0 Sentencia T-260\/18 \u00a0 \u00a0 ACCION DE TUTELA CONTRA ACTO ADMINISTRATIVO-Improcedencia \u00a0 general \u00a0 \u00a0 La \u00a0 jurisprudencia constitucional ha reiterado que, por regla general, la acci\u00f3n de \u00a0 tutela no procede para controvertir la validez ni la legalidad de los actos \u00a0 administrativos, en raz\u00f3n a que, la naturaleza residual y subsidiaria de este \u00a0 mecanismo constitucional impone al ciudadano la carga razonable de acudir \u00a0 previamente, a trav\u00e9s de los respectivos medios de control, ante la jurisdicci\u00f3n \u00a0 de lo contencioso administrativo, con el fin de solucionar los ...<br \/><div class=\"pt-cv-rmwrap\"><a href=\"https:\/\/www.dmsjuridica.com\/buscador_20179478954\/corteconstitucionalcronologico202454587\/t-260-18\/\" class=\"_self pt-cv-readmore btn btn-success\" target=\"_self\">Ver Sentencia Completa...<\/a><\/div><\/div><\/div><\/div>\n<div class=\"col-md-12 col-sm-12 col-xs-12 pt-cv-content-item pt-cv-1-col\" ><div class='pt-cv-ifield'><a href=\"https:\/\/www.dmsjuridica.com\/buscador_20179478954\/corteconstitucionalcronologico202454587\/t-259-18\/\" class=\"_self pt-cv-href-thumbnail pt-cv-thumb-default\" target=\"_self\" ><\/a>\n<div class=\"pt-cv-taxoterm above_title\"><a href='https:\/\/www.dmsjuridica.com\/buscador_20179478954\/corteconstitucionalcronologico202454587\/category\/buscar-en-toda-la-corte\/2018\/tutelas-2018\/' title='Tutelas 2018' class='pt-cv-tax-tutelas-2018'>Tutelas 2018<\/a><\/div>\n<h4 class=\"pt-cv-title\"><a href=\"https:\/\/www.dmsjuridica.com\/buscador_20179478954\/corteconstitucionalcronologico202454587\/t-259-18\/\" class=\"_self\" target=\"_self\" >T-259-18<\/a><\/h4>\n<div class=\"pt-cv-content\">\u00a0 \u00a0 \u00a0 \u00a0 \u00a0T-259-18 \u00a0 \u00a0 \u00a0 \u00a0 \u00a0 \u00a0\u00a0 Sentencia T-259\/18 \u00a0 \u00a0 ACCION DE TUTELA CONTRA PROVIDENCIAS JUDICIALES-Procedencia \u00a0 excepcional \u00a0 \u00a0 ACCION DE TUTELA CONTRA PROVIDENCIAS JUDICIALES-Requisitos \u00a0 generales de procedibilidad \u00a0 \u00a0 DEFECTO SUSTANTIVO COMO CAUSAL ESPECIFICA DE PROCEDIBILIDAD DE LA \u00a0 ACCION DE TUTELA CONTRA PROVIDENCIAS JUDICIALES-Reiteraci\u00f3n de \u00a0 jurisprudencia \u00a0 \u00a0 En reiterada \u00a0 jurisprudencia se ha se\u00f1alado que el defecto sustantivo,\u00a0co \u00a0 \u00a0 de las providencias judiciales,\u00a0se causa cuando una providencia judicial acude a una \u00a0motivaci\u00f3n que contradice, de \u00a0 manera manifiesta, el r\u00e9gimen jur\u00eddico que debe aplicar. En otras palabras, la ...<br \/><div class=\"pt-cv-rmwrap\"><a href=\"https:\/\/www.dmsjuridica.com\/buscador_20179478954\/corteconstitucionalcronologico202454587\/t-259-18\/\" class=\"_self pt-cv-readmore btn btn-success\" target=\"_self\">Ver Sentencia Completa...<\/a><\/div><\/div><\/div><\/div>\n<div class=\"col-md-12 col-sm-12 col-xs-12 pt-cv-content-item pt-cv-1-col\" ><div class='pt-cv-ifield'><a href=\"https:\/\/www.dmsjuridica.com\/buscador_20179478954\/corteconstitucionalcronologico202454587\/t-258-18\/\" class=\"_self pt-cv-href-thumbnail pt-cv-thumb-default\" target=\"_self\" ><\/a>\n<div class=\"pt-cv-taxoterm above_title\"><a href='https:\/\/www.dmsjuridica.com\/buscador_20179478954\/corteconstitucionalcronologico202454587\/category\/buscar-en-toda-la-corte\/2018\/tutelas-2018\/' title='Tutelas 2018' class='pt-cv-tax-tutelas-2018'>Tutelas 2018<\/a><\/div>\n<h4 class=\"pt-cv-title\"><a href=\"https:\/\/www.dmsjuridica.com\/buscador_20179478954\/corteconstitucionalcronologico202454587\/t-258-18\/\" class=\"_self\" target=\"_self\" >T-258-18<\/a><\/h4>\n<div class=\"pt-cv-content\">\u00a0 \u00a0 \u00a0 \u00a0 \u00a0T-258-18 \u00a0 \u00a0 \u00a0 \u00a0 \u00a0 \u00a0\u00a0 Sentencia T-258\/18 \u00a0 \u00a0 ACCION DE TUTELA PARA RECLAMAR EL \u00a0 RECONOCIMIENTO Y PAGO DE DERECHOS PENSIONALES-Procedencia excepcional \u00a0 \u00a0 La Corte Constitucional en su jurisprudencia ha estimado que \u00a0 la tutela en materia de pensiones es subsidiaria y residual.\u00a0 En \u00a0 consecuencia, las disputas relativas al reconocimiento y pago de prestaciones \u00a0 sociales, en principio, deben ser solventadas por los jueces de la jurisdicci\u00f3n \u00a0 ordinaria laboral o de la jurisdicci\u00f3n contenciosa administrativa, en \u00a0 concordancia con la competencia atribuida por el legislador para conocer de la \u00a0 ...<br \/><div class=\"pt-cv-rmwrap\"><a href=\"https:\/\/www.dmsjuridica.com\/buscador_20179478954\/corteconstitucionalcronologico202454587\/t-258-18\/\" class=\"_self pt-cv-readmore btn btn-success\" target=\"_self\">Ver Sentencia Completa...<\/a><\/div><\/div><\/div><\/div>\n<div class=\"col-md-12 col-sm-12 col-xs-12 pt-cv-content-item pt-cv-1-col\" ><div class='pt-cv-ifield'><a href=\"https:\/\/www.dmsjuridica.com\/buscador_20179478954\/corteconstitucionalcronologico202454587\/t-257-18\/\" class=\"_self pt-cv-href-thumbnail pt-cv-thumb-default\" target=\"_self\" ><\/a>\n<div class=\"pt-cv-taxoterm above_title\"><a href='https:\/\/www.dmsjuridica.com\/buscador_20179478954\/corteconstitucionalcronologico202454587\/category\/buscar-en-toda-la-corte\/2018\/tutelas-2018\/' title='Tutelas 2018' class='pt-cv-tax-tutelas-2018'>Tutelas 2018<\/a><\/div>\n<h4 class=\"pt-cv-title\"><a href=\"https:\/\/www.dmsjuridica.com\/buscador_20179478954\/corteconstitucionalcronologico202454587\/t-257-18\/\" class=\"_self\" target=\"_self\" >T-257-18<\/a><\/h4>\n<div class=\"pt-cv-content\">\u00a0 \u00a0 \u00a0 \u00a0 \u00a0T-257-18 \u00a0 \u00a0 \u00a0 \u00a0 \u00a0 \u00a0\u00a0 Sentencia T-257\/18 \u00a0 \u00a0 PERSONAS EN CONDICION DE DISCAPACIDAD-Sujetos de especial protecci\u00f3n constitucional \u00a0 \u00a0 DERECHO A LA \u00a0 IGUALDAD-Prohibici\u00f3n de \u00a0 discriminaci\u00f3n \u00a0 \u00a0 DERECHO A LA IGUALDAD Y NO \u00a0 DISCRIMINACION DE PERSONAS EN SITUACION DE DISCAPACIDAD-Establecimiento de acciones \u00a0 afirmativas \u00a0 \u00a0 LIBERTAD DE LOCOMOCION-Alcance \u00a0 \u00a0 DERECHO A LA LIBERTAD DE LOCOMOCION DE \u00a0 PERSONAS EN SITUACION DE DISCAPACIDAD-Reiteraci\u00f3n de jurisprudencia \u00a0 \u00a0 PERSONAS EN SITUACION \u00a0 DE DISCAPACIDAD-Entorno f\u00edsico como una forma de integraci\u00f3n \u00a0 social \u00a0 \u00a0 El entorno f\u00edsico est\u00e1 \u00a0 concebido ...<br \/><div class=\"pt-cv-rmwrap\"><a href=\"https:\/\/www.dmsjuridica.com\/buscador_20179478954\/corteconstitucionalcronologico202454587\/t-257-18\/\" class=\"_self pt-cv-readmore btn btn-success\" target=\"_self\">Ver Sentencia Completa...<\/a><\/div><\/div><\/div><\/div>\n<div class=\"col-md-12 col-sm-12 col-xs-12 pt-cv-content-item pt-cv-1-col\" ><div class='pt-cv-ifield'><a href=\"https:\/\/www.dmsjuridica.com\/buscador_20179478954\/corteconstitucionalcronologico202454587\/t-256-18\/\" class=\"_self pt-cv-href-thumbnail pt-cv-thumb-default\" target=\"_self\" ><\/a>\n<div class=\"pt-cv-taxoterm above_title\"><a href='https:\/\/www.dmsjuridica.com\/buscador_20179478954\/corteconstitucionalcronologico202454587\/category\/buscar-en-toda-la-corte\/2018\/tutelas-2018\/' title='Tutelas 2018' class='pt-cv-tax-tutelas-2018'>Tutelas 2018<\/a><\/div>\n<h4 class=\"pt-cv-title\"><a href=\"https:\/\/www.dmsjuridica.com\/buscador_20179478954\/corteconstitucionalcronologico202454587\/t-256-18\/\" class=\"_self\" target=\"_self\" >T-256-18<\/a><\/h4>\n<div class=\"pt-cv-content\">\u00a0 \u00a0 \u00a0 \u00a0 \u00a0T-256-18 \u00a0 \u00a0 \u00a0 \u00a0 \u00a0 \u00a0\u00a0 Sentencia \u00a0 T-256\/18 \u00a0 \u00a0 CARENCIA ACTUAL DE OBJETO-Fen\u00f3meno que \u00a0 se configura en los siguientes eventos: hecho superado, da\u00f1o consumado o \u00a0 situaci\u00f3n sobreviniente \u00a0 \u00a0 CARENCIA ACTUAL DE OBJETO POR HECHO SUPERADO-Configuraci\u00f3n \u00a0 \u00a0 CARENCIA ACTUAL DE OBJETO POR HECHO SUPERADO-No impide a la \u00a0 Corte Constitucional pronunciamiento de fondo sobre la existencia de una \u00a0 violaci\u00f3n de derechos fundamentales y futuras violaciones \u00a0 \u00a0 DERECHO A LA SALUD-Doble \u00a0 connotaci\u00f3n al ser un derecho fundamental y al mismo tiempo un servicio p\u00fablico \u00a0 \u00a0 DERECHO FUNDAMENTAL ...<br \/><div class=\"pt-cv-rmwrap\"><a href=\"https:\/\/www.dmsjuridica.com\/buscador_20179478954\/corteconstitucionalcronologico202454587\/t-256-18\/\" class=\"_self pt-cv-readmore btn btn-success\" target=\"_self\">Ver Sentencia Completa...<\/a><\/div><\/div><\/div><\/div>\n<div class=\"col-md-12 col-sm-12 col-xs-12 pt-cv-content-item pt-cv-1-col\" ><div class='pt-cv-ifield'><a href=\"https:\/\/www.dmsjuridica.com\/buscador_20179478954\/corteconstitucionalcronologico202454587\/t-255-18\/\" class=\"_self pt-cv-href-thumbnail pt-cv-thumb-default\" target=\"_self\" ><\/a>\n<div class=\"pt-cv-taxoterm above_title\"><a href='https:\/\/www.dmsjuridica.com\/buscador_20179478954\/corteconstitucionalcronologico202454587\/category\/buscar-en-toda-la-corte\/2018\/tutelas-2018\/' title='Tutelas 2018' class='pt-cv-tax-tutelas-2018'>Tutelas 2018<\/a><\/div>\n<h4 class=\"pt-cv-title\"><a href=\"https:\/\/www.dmsjuridica.com\/buscador_20179478954\/corteconstitucionalcronologico202454587\/t-255-18\/\" class=\"_self\" target=\"_self\" >T-255-18<\/a><\/h4>\n<div class=\"pt-cv-content\">\u00a0 \u00a0 \u00a0 \u00a0 \u00a0T-255-18 \u00a0 \u00a0 \u00a0 \u00a0 \u00a0 \u00a0\u00a0 Sentencia T-255\/18 \u00a0 \u00a0 ACCION DE TUTELA PARA RECLAMAR EL RECONOCIMIENTO Y PAGO DE DERECHOS \u00a0 PENSIONALES-Procedencia excepcional \u00a0 \u00a0 ACCION DE TUTELA PARA OBTENER SUSTITUCION \u00a0 PENSIONAL-Improcedencia por cuanto no se cuenta con los elementos de juicio para \u00a0 conceder o negar el derecho \u00a0 \u00a0 Mal \u00a0 har\u00eda esta Sala en conceder o negar la sustituci\u00f3n pensional, cuando no existe \u00a0 suficiente material probatorio para tomar una decisi\u00f3n de fondo. Por \u00a0 consiguiente, es improcedente entrar a abordar un an\u00e1lisis objetivo de la \u00a0 solicitud en cuanto ...<br \/><div class=\"pt-cv-rmwrap\"><a href=\"https:\/\/www.dmsjuridica.com\/buscador_20179478954\/corteconstitucionalcronologico202454587\/t-255-18\/\" class=\"_self pt-cv-readmore btn btn-success\" target=\"_self\">Ver Sentencia Completa...<\/a><\/div><\/div><\/div><\/div>\n<div class=\"col-md-12 col-sm-12 col-xs-12 pt-cv-content-item pt-cv-1-col\" ><div class='pt-cv-ifield'><a href=\"https:\/\/www.dmsjuridica.com\/buscador_20179478954\/corteconstitucionalcronologico202454587\/t-254-18\/\" class=\"_self pt-cv-href-thumbnail pt-cv-thumb-default\" target=\"_self\" ><\/a>\n<div class=\"pt-cv-taxoterm above_title\"><a href='https:\/\/www.dmsjuridica.com\/buscador_20179478954\/corteconstitucionalcronologico202454587\/category\/buscar-en-toda-la-corte\/2018\/tutelas-2018\/' title='Tutelas 2018' class='pt-cv-tax-tutelas-2018'>Tutelas 2018<\/a><\/div>\n<h4 class=\"pt-cv-title\"><a href=\"https:\/\/www.dmsjuridica.com\/buscador_20179478954\/corteconstitucionalcronologico202454587\/t-254-18\/\" class=\"_self\" target=\"_self\" >T-254-18<\/a><\/h4>\n<div class=\"pt-cv-content\">\u00a0 \u00a0 \u00a0 \u00a0 \u00a0T-254-18 \u00a0 \u00a0 \u00a0 \u00a0 \u00a0 \u00a0\u00a0 Sentencia T-254\/18 \u00a0 \u00a0 DESISTIMIENTO DE LA ACCION DE \u00a0 TUTELA-Procedencia durante el tr\u00e1mite de las \u00a0 instancias siempre que refiera intereses personales del peticionario\/DESISTIMIENTO \u00a0 DE LA ACCION DE TUTELA-Improcedencia cuando es elevado despu\u00e9s de la \u00a0 escogencia de un expediente por la Corte Constitucional \u00a0 \u00a0 La sentencia T-376 de 2012 refiri\u00f3 que el desistimiento de la \u00a0 acci\u00f3n tuitiva era procedente en el tr\u00e1mite de las instancias y siempre que se \u00a0 relacione con los intereses personales del accionante. Pero cuando se intenta \u00a0 \u201cdespu\u00e9s de ...<br \/><div class=\"pt-cv-rmwrap\"><a href=\"https:\/\/www.dmsjuridica.com\/buscador_20179478954\/corteconstitucionalcronologico202454587\/t-254-18\/\" class=\"_self pt-cv-readmore btn btn-success\" target=\"_self\">Ver Sentencia Completa...<\/a><\/div><\/div><\/div><\/div>\n<div class=\"col-md-12 col-sm-12 col-xs-12 pt-cv-content-item pt-cv-1-col\" ><div class='pt-cv-ifield'><a href=\"https:\/\/www.dmsjuridica.com\/buscador_20179478954\/corteconstitucionalcronologico202454587\/t-253-18\/\" class=\"_self pt-cv-href-thumbnail pt-cv-thumb-default\" target=\"_self\" ><\/a>\n<div class=\"pt-cv-taxoterm above_title\"><a href='https:\/\/www.dmsjuridica.com\/buscador_20179478954\/corteconstitucionalcronologico202454587\/category\/buscar-en-toda-la-corte\/2018\/tutelas-2018\/' title='Tutelas 2018' class='pt-cv-tax-tutelas-2018'>Tutelas 2018<\/a><\/div>\n<h4 class=\"pt-cv-title\"><a href=\"https:\/\/www.dmsjuridica.com\/buscador_20179478954\/corteconstitucionalcronologico202454587\/t-253-18\/\" class=\"_self\" target=\"_self\" >T-253-18<\/a><\/h4>\n<div class=\"pt-cv-content\">\u00a0 \u00a0 \u00a0 \u00a0 \u00a0T-253-18 \u00a0 \u00a0 \u00a0 \u00a0 \u00a0 \u00a0\u00a0 Sentencia T-253\/18 \u00a0 \u00a0 DERECHO A LA \u00a0 SALUD-Doble connotaci\u00f3n al ser un derecho fundamental y \u00a0 al mismo tiempo un servicio p\u00fablico \u00a0 \u00a0 DERECHO A LA SALUD-Instrumentos internacionales \u00a0 \u00a0 DERECHO FUNDAMENTAL A LA \u00a0 SALUD-Principios rectores \u00a0 \u00a0 SERVICIO DE TRANSPORTE COMO \u00a0 MEDIO DE ACCESO AL SERVICIO DE SALUD-Marco normativo \u00a0 \u00a0 SERVICIO DE TRANSPORTE COMO \u00a0 MEDIO DE ACCESO AL SERVICIO DE SALUD-Reiteraci\u00f3n de jurisprudencia\u00a0 \u00a0 \u00a0 GASTOS DE \u00a0 TRANSPORTE Y VIATICOS PARA PACIENTE Y ACOMPA\u00d1ANTE-Reiteraci\u00f3n \u00a0 de jurisprudencia \u00a0 \u00a0 SERVICIO DE ...<br \/><div class=\"pt-cv-rmwrap\"><a href=\"https:\/\/www.dmsjuridica.com\/buscador_20179478954\/corteconstitucionalcronologico202454587\/t-253-18\/\" class=\"_self pt-cv-readmore btn btn-success\" target=\"_self\">Ver Sentencia Completa...<\/a><\/div><\/div><\/div><\/div>\n<div class=\"col-md-12 col-sm-12 col-xs-12 pt-cv-content-item pt-cv-1-col\" ><div class='pt-cv-ifield'><a href=\"https:\/\/www.dmsjuridica.com\/buscador_20179478954\/corteconstitucionalcronologico202454587\/t-252-18\/\" class=\"_self pt-cv-href-thumbnail pt-cv-thumb-default\" target=\"_self\" ><\/a>\n<div class=\"pt-cv-taxoterm above_title\"><a href='https:\/\/www.dmsjuridica.com\/buscador_20179478954\/corteconstitucionalcronologico202454587\/category\/buscar-en-toda-la-corte\/2018\/tutelas-2018\/' title='Tutelas 2018' class='pt-cv-tax-tutelas-2018'>Tutelas 2018<\/a><\/div>\n<h4 class=\"pt-cv-title\"><a href=\"https:\/\/www.dmsjuridica.com\/buscador_20179478954\/corteconstitucionalcronologico202454587\/t-252-18\/\" class=\"_self\" target=\"_self\" >T-252-18<\/a><\/h4>\n<div class=\"pt-cv-content\">\u00a0 \u00a0 \u00a0 \u00a0 \u00a0T-252-18 \u00a0 \u00a0 \u00a0 \u00a0 \u00a0 \u00a0\u00a0 Sentencia T-252\/18 \u00a0 \u00a0 ACCION DE TUTELA EN MATERIA DE PAGO DE INCAPACIDADES LABORALES-Improcedencia por configurarse \u00a0 cosa juzgada constitucional \u00a0 \u00a0 El \u00a0 operador judicial de primera instancia tutel\u00f3 los derechos fundamentales a la \u00a0 vida, la salud, la dignidad humana, el m\u00ednimo vital y a la vivienda digna de la \u00a0 actora y orden\u00f3 a la ARL Positiva pagar a favor de la accionante las \u00a0 incapacidades laborales, \u201cas\u00ed como de las futuras que se llegaran a otorgar\u201d. \u00a0 \u00a0 ACCION DE TUTELA PARA SOLICITAR PAGO DE ...<br \/><div class=\"pt-cv-rmwrap\"><a href=\"https:\/\/www.dmsjuridica.com\/buscador_20179478954\/corteconstitucionalcronologico202454587\/t-252-18\/\" class=\"_self pt-cv-readmore btn btn-success\" target=\"_self\">Ver Sentencia Completa...<\/a><\/div><\/div><\/div><\/div>\n<div class=\"col-md-12 col-sm-12 col-xs-12 pt-cv-content-item pt-cv-1-col\" ><div class='pt-cv-ifield'><a href=\"https:\/\/www.dmsjuridica.com\/buscador_20179478954\/corteconstitucionalcronologico202454587\/t-251-18\/\" class=\"_self pt-cv-href-thumbnail pt-cv-thumb-default\" target=\"_self\" ><\/a>\n<div class=\"pt-cv-taxoterm above_title\"><a href='https:\/\/www.dmsjuridica.com\/buscador_20179478954\/corteconstitucionalcronologico202454587\/category\/buscar-en-toda-la-corte\/2018\/tutelas-2018\/' title='Tutelas 2018' class='pt-cv-tax-tutelas-2018'>Tutelas 2018<\/a><\/div>\n<h4 class=\"pt-cv-title\"><a href=\"https:\/\/www.dmsjuridica.com\/buscador_20179478954\/corteconstitucionalcronologico202454587\/t-251-18\/\" class=\"_self\" target=\"_self\" >T-251-18<\/a><\/h4>\n<div class=\"pt-cv-content\">\u00a0 \u00a0 \u00a0 \u00a0 \u00a0T-251-18 \u00a0 \u00a0 \u00a0 \u00a0 \u00a0 \u00a0\u00a0 Sentencia \u00a0 T-251\/18 \u00a0 \u00a0 \u00a0 ACCION DE TUTELA PARA \u00a0 PROTEGER EL DERECHO A LA ESTABILIDAD LABORAL REFORZADA-Improcedencia por existir otro medio de defensa judicial \u00a0 \u00a0 Referencia: \u00a0 Expediente T-6.377.515 \u00a0 \u00a0 Acci\u00f3n de tutela \u00a0 interpuesta por Gregorio Segundo Ricaurte Ahumada contra Jairo Luis Lobo Rinc\u00f3n \u00a0 en calidad de propietario de Merka Plaza Valledupar \u00a0 \u00a0 Magistrado \u00a0 Ponente: \u00a0 \u00a0 ALEJANDRO \u00a0 LINARES CANTILLO \u00a0 \u00a0 Bogot\u00e1, D.C., \u00a0 tres (3) de julio de dos mil dieciocho \u00a0 \u00a0 La Sala \u00a0 Cuarta de ...<br \/><div class=\"pt-cv-rmwrap\"><a href=\"https:\/\/www.dmsjuridica.com\/buscador_20179478954\/corteconstitucionalcronologico202454587\/t-251-18\/\" class=\"_self pt-cv-readmore btn btn-success\" target=\"_self\">Ver Sentencia Completa...<\/a><\/div><\/div><\/div><\/div>\n<div class=\"col-md-12 col-sm-12 col-xs-12 pt-cv-content-item pt-cv-1-col\" ><div class='pt-cv-ifield'><a href=\"https:\/\/www.dmsjuridica.com\/buscador_20179478954\/corteconstitucionalcronologico202454587\/t-250-18\/\" class=\"_self pt-cv-href-thumbnail pt-cv-thumb-default\" target=\"_self\" ><\/a>\n<div class=\"pt-cv-taxoterm above_title\"><a href='https:\/\/www.dmsjuridica.com\/buscador_20179478954\/corteconstitucionalcronologico202454587\/category\/buscar-en-toda-la-corte\/2018\/tutelas-2018\/' title='Tutelas 2018' class='pt-cv-tax-tutelas-2018'>Tutelas 2018<\/a><\/div>\n<h4 class=\"pt-cv-title\"><a href=\"https:\/\/www.dmsjuridica.com\/buscador_20179478954\/corteconstitucionalcronologico202454587\/t-250-18\/\" class=\"_self\" target=\"_self\" >T-250-18<\/a><\/h4>\n<div class=\"pt-cv-content\">\u00a0 \u00a0 \u00a0 \u00a0 \u00a0T-250-18 \u00a0 \u00a0 \u00a0 \u00a0 \u00a0 \u00a0\u00a0 PRINCIPIO DE INMEDIATEZ EN ACCION DE \u00a0 TUTELA-Inaplicaci\u00f3n cuando violaci\u00f3n de derechos persiste en el \u00a0 tiempo \u00a0 \u00a0 PRINCIPIO DE SUBSIDIARIEDAD DE LA \u00a0 ACCION DE TUTELA-Juez debe verificar si ante la existencia de otro \u00a0 medio de defensa judicial, \u00e9ste es eficaz e id\u00f3neo \u00a0 \u00a0 ACCION DE TUTELA Y REQUISITO DE \u00a0 SUBSIDIARIEDAD-Flexibilidad en caso de sujetos de especial \u00a0 protecci\u00f3n constitucional \u00a0 \u00a0 ACCION DE TUTELA PARA RECLAMAR EL \u00a0 RECONOCIMIENTO Y PAGO DE DERECHOS PENSIONALES-Procedencia \u00a0 excepcional \u00a0 \u00a0 Por regla general, la acci\u00f3n ...<br \/><div class=\"pt-cv-rmwrap\"><a href=\"https:\/\/www.dmsjuridica.com\/buscador_20179478954\/corteconstitucionalcronologico202454587\/t-250-18\/\" class=\"_self pt-cv-readmore btn btn-success\" target=\"_self\">Ver Sentencia Completa...<\/a><\/div><\/div><\/div><\/div>\n<div class=\"col-md-12 col-sm-12 col-xs-12 pt-cv-content-item pt-cv-1-col\" ><div class='pt-cv-ifield'><a href=\"https:\/\/www.dmsjuridica.com\/buscador_20179478954\/corteconstitucionalcronologico202454587\/t-249-18\/\" class=\"_self pt-cv-href-thumbnail pt-cv-thumb-default\" target=\"_self\" ><\/a>\n<div class=\"pt-cv-taxoterm above_title\"><a href='https:\/\/www.dmsjuridica.com\/buscador_20179478954\/corteconstitucionalcronologico202454587\/category\/buscar-en-toda-la-corte\/2018\/tutelas-2018\/' title='Tutelas 2018' class='pt-cv-tax-tutelas-2018'>Tutelas 2018<\/a><\/div>\n<h4 class=\"pt-cv-title\"><a href=\"https:\/\/www.dmsjuridica.com\/buscador_20179478954\/corteconstitucionalcronologico202454587\/t-249-18\/\" class=\"_self\" target=\"_self\" >T-249-18<\/a><\/h4>\n<div class=\"pt-cv-content\">\u00a0 \u00a0 \u00a0 \u00a0 \u00a0T-249-18 \u00a0 \u00a0 \u00a0 \u00a0 \u00a0 \u00a0\u00a0 Sentencia T-249\/18 \u00a0 \u00a0 NULIDAD DE \u00a0 PROCESOS ANTE LA CORTE CONSTITUCIONAL-S\u00f3lo podr\u00e1 ser alegada antes de proferido el fallo \u00a0 y por violaci\u00f3n al debido proceso \u00a0 \u00a0 La Sala pone de presente que el art\u00edculo 49 del Decreto \u00a0 2067 de 1991 establece que la nulidad de los procesos que se surtan ante esta \u00a0 Corporaci\u00f3n solo podr\u00e1 alegarse antes de proferido el fallo y deber\u00e1 sustentarse \u00a0 en irregularidades que comporten la violaci\u00f3n del debido proceso. \u00a0 \u00a0 NOTIFICACION DE ACCION DE \u00a0 TUTELA-Jurisprudencia \u00a0 constitucional ...<br \/><div class=\"pt-cv-rmwrap\"><a href=\"https:\/\/www.dmsjuridica.com\/buscador_20179478954\/corteconstitucionalcronologico202454587\/t-249-18\/\" class=\"_self pt-cv-readmore btn btn-success\" target=\"_self\">Ver Sentencia Completa...<\/a><\/div><\/div><\/div><\/div>\n<div class=\"col-md-12 col-sm-12 col-xs-12 pt-cv-content-item pt-cv-1-col\" ><div class='pt-cv-ifield'><a href=\"https:\/\/www.dmsjuridica.com\/buscador_20179478954\/corteconstitucionalcronologico202454587\/t-248-18\/\" class=\"_self pt-cv-href-thumbnail pt-cv-thumb-default\" target=\"_self\" ><\/a>\n<div class=\"pt-cv-taxoterm above_title\"><a href='https:\/\/www.dmsjuridica.com\/buscador_20179478954\/corteconstitucionalcronologico202454587\/category\/buscar-en-toda-la-corte\/2018\/tutelas-2018\/' title='Tutelas 2018' class='pt-cv-tax-tutelas-2018'>Tutelas 2018<\/a><\/div>\n<h4 class=\"pt-cv-title\"><a href=\"https:\/\/www.dmsjuridica.com\/buscador_20179478954\/corteconstitucionalcronologico202454587\/t-248-18\/\" class=\"_self\" target=\"_self\" >T-248-18<\/a><\/h4>\n<div class=\"pt-cv-content\">\u00a0 \u00a0 \u00a0 \u00a0 \u00a0T-248-18 \u00a0 \u00a0 \u00a0 \u00a0 \u00a0 \u00a0\u00a0 Sentencia T-248\/18 \u00a0 \u00a0 ACCION DE \u00a0 TUTELA CONTRA PROVIDENCIAS JUDICIALES-Reiteraci\u00f3n de jurisprudencia sobre \u00a0 procedencia excepcional\u00a0 \u00a0 \u00a0 ACCION DE \u00a0 TUTELA CONTRA PROVIDENCIAS JUDICIALES-Requisitos generales y especiales de \u00a0 procedibilidad \u00a0 \u00a0 ACCION DE TUTELA CONTRA PROVIDENCIAS JUDICIALES-Improcedencia por cuanto no se acredita una afectaci\u00f3n de las \u00a0 dimensiones constitucionales del debido proceso, sino que propone un debate \u00a0 propio de la justicia ordinaria y no de la constitucional \u00a0 \u00a0 ACCION DE TUTELA CONTRA PROVIDENCIAS JUDICIALES-Improcedencia por cuanto de la decisi\u00f3n judicial impugnada no se deriva ...<br \/><div class=\"pt-cv-rmwrap\"><a href=\"https:\/\/www.dmsjuridica.com\/buscador_20179478954\/corteconstitucionalcronologico202454587\/t-248-18\/\" class=\"_self pt-cv-readmore btn btn-success\" target=\"_self\">Ver Sentencia Completa...<\/a><\/div><\/div><\/div><\/div>\n<div class=\"col-md-12 col-sm-12 col-xs-12 pt-cv-content-item pt-cv-1-col\" ><div class='pt-cv-ifield'><a href=\"https:\/\/www.dmsjuridica.com\/buscador_20179478954\/corteconstitucionalcronologico202454587\/t-247-18\/\" class=\"_self pt-cv-href-thumbnail pt-cv-thumb-default\" target=\"_self\" ><\/a>\n<div class=\"pt-cv-taxoterm above_title\"><a href='https:\/\/www.dmsjuridica.com\/buscador_20179478954\/corteconstitucionalcronologico202454587\/category\/buscar-en-toda-la-corte\/2018\/tutelas-2018\/' title='Tutelas 2018' class='pt-cv-tax-tutelas-2018'>Tutelas 2018<\/a><\/div>\n<h4 class=\"pt-cv-title\"><a href=\"https:\/\/www.dmsjuridica.com\/buscador_20179478954\/corteconstitucionalcronologico202454587\/t-247-18\/\" class=\"_self\" target=\"_self\" >T-247-18<\/a><\/h4>\n<div class=\"pt-cv-content\">\u00a0 \u00a0 \u00a0 \u00a0 \u00a0T-247-18 \u00a0 \u00a0 \u00a0 \u00a0 \u00a0 \u00a0\u00a0 Sentencia T-247\/18 \u00a0 \u00a0 ACCION DE TUTELA DE POBLACION EN \u00a0 SITUACION DE DESPLAZAMIENTO FORZADO-Mecanismo judicial id\u00f3neo para amparar \u00a0 los derechos fundamentales \u00a0 \u00a0 DERECHO A LA VIVIENDA DIGNA-Alcance y \u00a0 contenido \u00a0 \u00a0 DESALOJO FORZOSO Y DERECHO A LA \u00a0 VIVIENDA DIGNA-No son medidas procedentes cuando se trata de poblaci\u00f3n vulnerable, \u00a0 en estado de debilidad manifiesta o sujetos de especial protecci\u00f3n \u00a0 constitucional \u00a0 \u00a0 DERECHO A LA VIVIENDA DIGNA DE \u00a0 VICTIMAS DE DESPLAZAMIENTO FORZADO-Fundamental aut\u00f3nomo \u00a0 \u00a0 SALA ESPECIAL DE SEGUIMIENTO DE LA \u00a0 ...<br \/><div class=\"pt-cv-rmwrap\"><a href=\"https:\/\/www.dmsjuridica.com\/buscador_20179478954\/corteconstitucionalcronologico202454587\/t-247-18\/\" class=\"_self pt-cv-readmore btn btn-success\" target=\"_self\">Ver Sentencia Completa...<\/a><\/div><\/div><\/div><\/div>\n<div class=\"col-md-12 col-sm-12 col-xs-12 pt-cv-content-item pt-cv-1-col\" ><div class='pt-cv-ifield'><a href=\"https:\/\/www.dmsjuridica.com\/buscador_20179478954\/corteconstitucionalcronologico202454587\/t-246-18\/\" class=\"_self pt-cv-href-thumbnail pt-cv-thumb-default\" target=\"_self\" ><\/a>\n<div class=\"pt-cv-taxoterm above_title\"><a href='https:\/\/www.dmsjuridica.com\/buscador_20179478954\/corteconstitucionalcronologico202454587\/category\/buscar-en-toda-la-corte\/2018\/tutelas-2018\/' title='Tutelas 2018' class='pt-cv-tax-tutelas-2018'>Tutelas 2018<\/a><\/div>\n<h4 class=\"pt-cv-title\"><a href=\"https:\/\/www.dmsjuridica.com\/buscador_20179478954\/corteconstitucionalcronologico202454587\/t-246-18\/\" class=\"_self\" target=\"_self\" >T-246-18<\/a><\/h4>\n<div class=\"pt-cv-content\">Sentencia T-246\/18 \u00a0 \u00a0 COSA JUZGADA \u00a0 CONSTITUCIONAL Y TEMERIDAD-Configuraci\u00f3n \u00a0 \u00a0 La cosa juzgada constitucional en materia de tutela se consolida una \u00a0 vez\u00a0ocurrida alguna de estas dos situaciones: (i) cuando la solicitud de amparo \u00a0 es excluida para su revisi\u00f3n por parte de la Corte Constitucional; o (ii) cuando \u00a0 es seleccionada y resuelta por esa misma Corporaci\u00f3n. \u00a0 \u00a0 ACCION DE \u00a0 TUTELA PARA RECLAMAR PRESTACIONES ECONOMICAS PENSIONALES-Reglas \u00a0 jurisprudenciales para la procedencia \u00a0 \u00a0 Las discusiones que \u00a0 versan sobre el reconocimiento y pago de prestaciones econ\u00f3micas, como son los \u00a0 subsidios de incapacidad, deben ser ...<br \/><div class=\"pt-cv-rmwrap\"><a href=\"https:\/\/www.dmsjuridica.com\/buscador_20179478954\/corteconstitucionalcronologico202454587\/t-246-18\/\" class=\"_self pt-cv-readmore btn btn-success\" target=\"_self\">Ver Sentencia Completa...<\/a><\/div><\/div><\/div><\/div>\n<div class=\"col-md-12 col-sm-12 col-xs-12 pt-cv-content-item pt-cv-1-col\" ><div class='pt-cv-ifield'><a href=\"https:\/\/www.dmsjuridica.com\/buscador_20179478954\/corteconstitucionalcronologico202454587\/t-245-18\/\" class=\"_self pt-cv-href-thumbnail pt-cv-thumb-default\" target=\"_self\" ><\/a>\n<div class=\"pt-cv-taxoterm above_title\"><a href='https:\/\/www.dmsjuridica.com\/buscador_20179478954\/corteconstitucionalcronologico202454587\/category\/buscar-en-toda-la-corte\/2018\/tutelas-2018\/' title='Tutelas 2018' class='pt-cv-tax-tutelas-2018'>Tutelas 2018<\/a><\/div>\n<h4 class=\"pt-cv-title\"><a href=\"https:\/\/www.dmsjuridica.com\/buscador_20179478954\/corteconstitucionalcronologico202454587\/t-245-18\/\" class=\"_self\" target=\"_self\" >T-245-18<\/a><\/h4>\n<div class=\"pt-cv-content\">\u00a0 \u00a0 \u00a0 \u00a0 \u00a0T-245-18 \u00a0 \u00a0 \u00a0 \u00a0 \u00a0 \u00a0\u00a0 Sentencia T-245\/18 \u00a0 \u00a0 LEGITIMACION \u00a0 EN LA CAUSA POR ACTIVA EN TUTELA DE PERSONA JURIDICA-Reglas \u00a0 jurisprudenciales \u00a0 \u00a0 ACCION DE \u00a0 TUTELA CONTRA EMPRESA EN LIQUIDACION-Improcedencia para revivir t\u00e9rminos y \u00a0 etapas procesales \u00a0 \u00a0 Esta \u00a0 Corporaci\u00f3n ha se\u00f1alado que trat\u00e1ndose de amparos contra entidades en proceso de \u00a0 liquidaci\u00f3n o liquidadas, debe cumplirse la exigencia del principio de \u00a0 inmediatez, por cuanto las tutelas morosas pueden afectar los programas de \u00a0 liquidaci\u00f3n y de administraci\u00f3n de remanentes. La Sala advierte que en el \u00a0 presente ...<br \/><div class=\"pt-cv-rmwrap\"><a href=\"https:\/\/www.dmsjuridica.com\/buscador_20179478954\/corteconstitucionalcronologico202454587\/t-245-18\/\" class=\"_self pt-cv-readmore btn btn-success\" target=\"_self\">Ver Sentencia Completa...<\/a><\/div><\/div><\/div><\/div>\n<div class=\"col-md-12 col-sm-12 col-xs-12 pt-cv-content-item pt-cv-1-col\" ><div class='pt-cv-ifield'><a href=\"https:\/\/www.dmsjuridica.com\/buscador_20179478954\/corteconstitucionalcronologico202454587\/t-244-18\/\" class=\"_self pt-cv-href-thumbnail pt-cv-thumb-default\" target=\"_self\" ><\/a>\n<div class=\"pt-cv-taxoterm above_title\"><a href='https:\/\/www.dmsjuridica.com\/buscador_20179478954\/corteconstitucionalcronologico202454587\/category\/buscar-en-toda-la-corte\/2018\/tutelas-2018\/' title='Tutelas 2018' class='pt-cv-tax-tutelas-2018'>Tutelas 2018<\/a><\/div>\n<h4 class=\"pt-cv-title\"><a href=\"https:\/\/www.dmsjuridica.com\/buscador_20179478954\/corteconstitucionalcronologico202454587\/t-244-18\/\" class=\"_self\" target=\"_self\" >T-244-18<\/a><\/h4>\n<div class=\"pt-cv-content\">\u00a0 \u00a0 \u00a0 \u00a0 \u00a0T-244-18 \u00a0 \u00a0 \u00a0 \u00a0 \u00a0 \u00a0\u00a0 ACCION DE TUTELA PARA PROTEGER EL DERECHO A LA INTIMIDAD, AL BUEN \u00a0 NOMBRE Y A LA HONRA-Procedencia \u00a0 \u00a0 DERECHOS A LA LIBERTAD DE EXPRESION DE PENSAMIENTO Y OPINION-Reiteraci\u00f3n de jurisprudencia \u00a0 \u00a0 La jurisprudencia de esta Corporaci\u00f3n \u00a0 ha establecido que la libertad de expresi\u00f3n es uno de los pilares sobre los \u00a0 cuales est\u00e1 fundado el Estado, que comprende la garant\u00eda fundamental y universal \u00a0 de manifestar pensamientos, opiniones propias y, a la vez, conocer los de otros. \u00a0 Este presupuesto tambi\u00e9n se extiende al derecho ...<br \/><div class=\"pt-cv-rmwrap\"><a href=\"https:\/\/www.dmsjuridica.com\/buscador_20179478954\/corteconstitucionalcronologico202454587\/t-244-18\/\" class=\"_self pt-cv-readmore btn btn-success\" target=\"_self\">Ver Sentencia Completa...<\/a><\/div><\/div><\/div><\/div>\n<div class=\"col-md-12 col-sm-12 col-xs-12 pt-cv-content-item pt-cv-1-col\" ><div class='pt-cv-ifield'><a href=\"https:\/\/www.dmsjuridica.com\/buscador_20179478954\/corteconstitucionalcronologico202454587\/t-243-18\/\" class=\"_self pt-cv-href-thumbnail pt-cv-thumb-default\" target=\"_self\" ><\/a>\n<div class=\"pt-cv-taxoterm above_title\"><a href='https:\/\/www.dmsjuridica.com\/buscador_20179478954\/corteconstitucionalcronologico202454587\/category\/buscar-en-toda-la-corte\/2018\/tutelas-2018\/' title='Tutelas 2018' class='pt-cv-tax-tutelas-2018'>Tutelas 2018<\/a><\/div>\n<h4 class=\"pt-cv-title\"><a href=\"https:\/\/www.dmsjuridica.com\/buscador_20179478954\/corteconstitucionalcronologico202454587\/t-243-18\/\" class=\"_self\" target=\"_self\" >T-243-18<\/a><\/h4>\n<div class=\"pt-cv-content\">\u00a0 \u00a0 \u00a0 \u00a0 \u00a0T-243-18 \u00a0 \u00a0 \u00a0 \u00a0 \u00a0 \u00a0\u00a0 Sentencia T-243\/18 \u00a0 \u00a0 ACCION DE TUTELA CONTRA PARTICULARES-Procedencia excepcional \u00a0 \u00a0 ACCION DE TUTELA CONTRA PARTICULARES-Procedencia en raz\u00f3n al estado de indefensi\u00f3n \u00a0 \u00a0 DERECHO AL BUEN NOMBRE-Procedencia de la \u00a0 acci\u00f3n de tutela para su protecci\u00f3n \u00a0 \u00a0 DERECHO A LA LIBERTAD DE EXPRESION-Contenido y l\u00edmites \u00a0 \u00a0 LIBERTAD DE EXPRESION EN INTERNET-Par\u00e1metros interamericanos de protecci\u00f3n y su aplicaci\u00f3n en la \u00a0 jurisprudencia constitucional colombiana \u00a0 \u00a0 La libertad de expresi\u00f3n est\u00e1 sujeta \u00a0 \u00fanicamente a responsabilidades posteriores que responder\u00e1n, exclusivamente, a la \u00a0 afectaci\u00f3n de derechos ...<br \/><div class=\"pt-cv-rmwrap\"><a href=\"https:\/\/www.dmsjuridica.com\/buscador_20179478954\/corteconstitucionalcronologico202454587\/t-243-18\/\" class=\"_self pt-cv-readmore btn btn-success\" target=\"_self\">Ver Sentencia Completa...<\/a><\/div><\/div><\/div><\/div>\n<div class=\"col-md-12 col-sm-12 col-xs-12 pt-cv-content-item pt-cv-1-col\" ><div class='pt-cv-ifield'><a href=\"https:\/\/www.dmsjuridica.com\/buscador_20179478954\/corteconstitucionalcronologico202454587\/t-242-18\/\" class=\"_self pt-cv-href-thumbnail pt-cv-thumb-default\" target=\"_self\" ><\/a>\n<div class=\"pt-cv-taxoterm above_title\"><a href='https:\/\/www.dmsjuridica.com\/buscador_20179478954\/corteconstitucionalcronologico202454587\/category\/buscar-en-toda-la-corte\/2018\/tutelas-2018\/' title='Tutelas 2018' class='pt-cv-tax-tutelas-2018'>Tutelas 2018<\/a><\/div>\n<h4 class=\"pt-cv-title\"><a href=\"https:\/\/www.dmsjuridica.com\/buscador_20179478954\/corteconstitucionalcronologico202454587\/t-242-18\/\" class=\"_self\" target=\"_self\" >T-242-18<\/a><\/h4>\n<div class=\"pt-cv-content\">\u00a0 \u00a0 \u00a0 \u00a0 \u00a0T-242-18 \u00a0 \u00a0 \u00a0 \u00a0 \u00a0 \u00a0\u00a0 Sentencia T-242\/18 \u00a0 \u00a0 ACCION DE TUTELA CONTRA ACTO ADMINISTRATIVO DE \u00a0 CARACTER PARTICULAR Y CONCRETO-Procedencia \u00a0 para resolver solicitud de residencia en el Departamento Archipi\u00e9lago de San \u00a0 Andr\u00e9s, Providencia y Santa Catalina \u00a0 \u00a0 La Corte, en casos concretos, ha dejado sin efectos \u00a0 \u00f3rdenes de expulsi\u00f3n y las sanciones pecuniarias contra residentes irregulares, \u00a0 ha ordenado a la OCCRE el otorgamiento de la residencia temporal o permanente \u00a0 seg\u00fan el caso, o ha permitido que ciudadanos expulsados retornen y adelanten los \u00a0 tr\u00e1mites para obtener la ...<br \/><div class=\"pt-cv-rmwrap\"><a href=\"https:\/\/www.dmsjuridica.com\/buscador_20179478954\/corteconstitucionalcronologico202454587\/t-242-18\/\" class=\"_self pt-cv-readmore btn btn-success\" target=\"_self\">Ver Sentencia Completa...<\/a><\/div><\/div><\/div><\/div>\n<div class=\"col-md-12 col-sm-12 col-xs-12 pt-cv-content-item pt-cv-1-col\" ><div class='pt-cv-ifield'><a href=\"https:\/\/www.dmsjuridica.com\/buscador_20179478954\/corteconstitucionalcronologico202454587\/t-241-18\/\" class=\"_self pt-cv-href-thumbnail pt-cv-thumb-default\" target=\"_self\" ><\/a>\n<div class=\"pt-cv-taxoterm above_title\"><a href='https:\/\/www.dmsjuridica.com\/buscador_20179478954\/corteconstitucionalcronologico202454587\/category\/buscar-en-toda-la-corte\/2018\/tutelas-2018\/' title='Tutelas 2018' class='pt-cv-tax-tutelas-2018'>Tutelas 2018<\/a><\/div>\n<h4 class=\"pt-cv-title\"><a href=\"https:\/\/www.dmsjuridica.com\/buscador_20179478954\/corteconstitucionalcronologico202454587\/t-241-18\/\" class=\"_self\" target=\"_self\" >T-241-18<\/a><\/h4>\n<div class=\"pt-cv-content\">\u00a0 \u00a0 \u00a0 \u00a0 \u00a0T-241-18 \u00a0 \u00a0 \u00a0 \u00a0 \u00a0 \u00a0\u00a0 Sentencia T-241\/18 \u00a0 \u00a0 DERECHO A LA PERSONALIDAD JURIDICA-Contenido y alcance \u00a0 \u00a0 El derecho a la personalidad jur\u00eddica dentro del ordenamiento \u00a0 constitucional colombiano: (i) est\u00e1 reconocido en los art\u00edculos 14 Superior, 16 \u00a0 del PIDCP y 3\u00b0 de la CADH con una especial trascendencia pr\u00e1ctica de car\u00e1cter \u00a0 legal, pues es el medio por el cual se reconoce la existencia a la persona \u00a0 humana dentro del ordenamiento jur\u00eddico; (ii) es un derecho fundamental y \u00a0 presupuesto esencial de la consagraci\u00f3n y efectividad del sistema de derechos ...<br \/><div class=\"pt-cv-rmwrap\"><a href=\"https:\/\/www.dmsjuridica.com\/buscador_20179478954\/corteconstitucionalcronologico202454587\/t-241-18\/\" class=\"_self pt-cv-readmore btn btn-success\" target=\"_self\">Ver Sentencia Completa...<\/a><\/div><\/div><\/div><\/div>\n<div class=\"col-md-12 col-sm-12 col-xs-12 pt-cv-content-item pt-cv-1-col\" ><div class='pt-cv-ifield'><a href=\"https:\/\/www.dmsjuridica.com\/buscador_20179478954\/corteconstitucionalcronologico202454587\/t-240-18\/\" class=\"_self pt-cv-href-thumbnail pt-cv-thumb-default\" target=\"_self\" ><\/a>\n<div class=\"pt-cv-taxoterm above_title\"><a href='https:\/\/www.dmsjuridica.com\/buscador_20179478954\/corteconstitucionalcronologico202454587\/category\/buscar-en-toda-la-corte\/2018\/tutelas-2018\/' title='Tutelas 2018' class='pt-cv-tax-tutelas-2018'>Tutelas 2018<\/a><\/div>\n<h4 class=\"pt-cv-title\"><a href=\"https:\/\/www.dmsjuridica.com\/buscador_20179478954\/corteconstitucionalcronologico202454587\/t-240-18\/\" class=\"_self\" target=\"_self\" >T-240-18<\/a><\/h4>\n<div class=\"pt-cv-content\">\u00a0 \u00a0 \u00a0 \u00a0 \u00a0T-240-18 \u00a0 \u00a0 \u00a0 \u00a0 \u00a0 \u00a0\u00a0 Sentencia T-240\/18 \u00a0 \u00a0 DEBIDO PROCESO EN ACTUACIONES DISCIPLINARIAS EN INSTITUCIONES \u00a0 EDUCATIVAS-Reiteraci\u00f3n de jurisprudencia \u00a0 \u00a0 MANUAL DE CONVIVENCIA Y DEBER DE SOMETERSE A LAS REGLAS DEL DEBIDO \u00a0 PROCESO EN SU APLICACION-Las normas consignadas en los manuales de convivencia deben \u00a0 respetar las reglas constitucionales del debido proceso \u00a0 \u00a0 MANUAL DE CONVIVENCIA-Naturaleza \u00a0 \u00a0 EDUCACION COMO DERECHO-DEBER-Para la instituci\u00f3n educativa y para los estudiantes o padres de \u00a0 familia, de manera rec\u00edproca \u00a0 \u00a0 AGRESION ESCOLAR A TRAVES DE MEDIOS ELECTRONICOS \u00a0 \u00a0 SISTEMA NACIONAL DE ...<br \/><div class=\"pt-cv-rmwrap\"><a href=\"https:\/\/www.dmsjuridica.com\/buscador_20179478954\/corteconstitucionalcronologico202454587\/t-240-18\/\" class=\"_self pt-cv-readmore btn btn-success\" target=\"_self\">Ver Sentencia Completa...<\/a><\/div><\/div><\/div><\/div>\n<div class=\"col-md-12 col-sm-12 col-xs-12 pt-cv-content-item pt-cv-1-col\" ><div class='pt-cv-ifield'><a href=\"https:\/\/www.dmsjuridica.com\/buscador_20179478954\/corteconstitucionalcronologico202454587\/t-239-18\/\" class=\"_self pt-cv-href-thumbnail pt-cv-thumb-default\" target=\"_self\" ><\/a>\n<div class=\"pt-cv-taxoterm above_title\"><a href='https:\/\/www.dmsjuridica.com\/buscador_20179478954\/corteconstitucionalcronologico202454587\/category\/buscar-en-toda-la-corte\/2018\/tutelas-2018\/' title='Tutelas 2018' class='pt-cv-tax-tutelas-2018'>Tutelas 2018<\/a><\/div>\n<h4 class=\"pt-cv-title\"><a href=\"https:\/\/www.dmsjuridica.com\/buscador_20179478954\/corteconstitucionalcronologico202454587\/t-239-18\/\" class=\"_self\" target=\"_self\" >T-239-18<\/a><\/h4>\n<div class=\"pt-cv-content\">\u00a0 \u00a0 \u00a0 \u00a0 \u00a0T-239-18 \u00a0 \u00a0 \u00a0 \u00a0 \u00a0 \u00a0\u00a0 Sentencia T-239\/18 \u00a0 \u00a0 ACCION DE TUTELA PARA OBTENER REINTEGRO LABORAL DE DOCENTE QUE DENUNCIO ACTOS DE \u00a0 VIOLENCIA DE GENERO Y ACOSO LABORAL EN INSTITUCION UNIVERSITARIA-Procedencia \u00a0 \u00a0 DERECHO A LA EDUCACION Y PRINCIPIO DE AUTONOMIA UNIVERSITARIA-Reiteraci\u00f3n de \u00a0 jurisprudencia sobre los l\u00edmites \u00a0 \u00a0 La autonom\u00eda \u00a0 universitaria tiene dos dimensiones: (i) la autorregulaci\u00f3n filos\u00f3fica, ligada a \u00a0 la libertad de pensamiento; y (ii) la autodeterminaci\u00f3n administrativa, relativa \u00a0 a la organizaci\u00f3n interna de las instituciones, dentro de la cual se encuentra \u00a0 la autonom\u00eda contractual. La ...<br \/><div class=\"pt-cv-rmwrap\"><a href=\"https:\/\/www.dmsjuridica.com\/buscador_20179478954\/corteconstitucionalcronologico202454587\/t-239-18\/\" class=\"_self pt-cv-readmore btn btn-success\" target=\"_self\">Ver Sentencia Completa...<\/a><\/div><\/div><\/div><\/div>\n<div class=\"col-md-12 col-sm-12 col-xs-12 pt-cv-content-item pt-cv-1-col\" ><div class='pt-cv-ifield'><a href=\"https:\/\/www.dmsjuridica.com\/buscador_20179478954\/corteconstitucionalcronologico202454587\/t-238-18\/\" class=\"_self pt-cv-href-thumbnail pt-cv-thumb-default\" target=\"_self\" ><\/a>\n<div class=\"pt-cv-taxoterm above_title\"><a href='https:\/\/www.dmsjuridica.com\/buscador_20179478954\/corteconstitucionalcronologico202454587\/category\/buscar-en-toda-la-corte\/2018\/tutelas-2018\/' title='Tutelas 2018' class='pt-cv-tax-tutelas-2018'>Tutelas 2018<\/a><\/div>\n<h4 class=\"pt-cv-title\"><a href=\"https:\/\/www.dmsjuridica.com\/buscador_20179478954\/corteconstitucionalcronologico202454587\/t-238-18\/\" class=\"_self\" target=\"_self\" >T-238-18<\/a><\/h4>\n<div class=\"pt-cv-content\">\u00a0 \u00a0 \u00a0 \u00a0 \u00a0T-238-18 \u00a0 \u00a0 \u00a0 \u00a0 \u00a0 \u00a0\u00a0 Sentencia T-238\/18 \u00a0 \u00a0 DERECHO DE PETICION ANTE PARTICULARES Y ACCESO A LA INFORMACION \u00a0 SEMIPRIVADA \u00a0 \u00a0 DERECHO DE PETICION-Caracter\u00edsticas \u00a0 \u00a0 DERECHO DE PETICION-Peticiones respetuosas presentadas ante autoridades deben ser \u00a0 resueltas de manera pronta y de fondo \u00a0 \u00a0 ELEMENTOS ESTRUCTURALES ESENCIALES DEL DERECHO FUNDAMENTAL DE \u00a0 PETICION-Jurisprudencia constitucional \u00a0 \u00a0 DERECHO DE PETICION-Respuesta debe ser de fondo, oportuna, congruente y tener \u00a0 notificaci\u00f3n efectiva \u00a0 \u00a0 DERECHO DE PETICION-Ejercicio verbal o escrito \u00a0 \u00a0 DERECHO DE PETICION ANTE PARTICULARES-Contenido \u00a0 \u00a0 DERECHO AL HABEAS DATA-Alcance ...<br \/><div class=\"pt-cv-rmwrap\"><a href=\"https:\/\/www.dmsjuridica.com\/buscador_20179478954\/corteconstitucionalcronologico202454587\/t-238-18\/\" class=\"_self pt-cv-readmore btn btn-success\" target=\"_self\">Ver Sentencia Completa...<\/a><\/div><\/div><\/div><\/div>\n<div class=\"col-md-12 col-sm-12 col-xs-12 pt-cv-content-item pt-cv-1-col\" ><div class='pt-cv-ifield'><a href=\"https:\/\/www.dmsjuridica.com\/buscador_20179478954\/corteconstitucionalcronologico202454587\/t-237-18\/\" class=\"_self pt-cv-href-thumbnail pt-cv-thumb-default\" target=\"_self\" ><\/a>\n<div class=\"pt-cv-taxoterm above_title\"><a href='https:\/\/www.dmsjuridica.com\/buscador_20179478954\/corteconstitucionalcronologico202454587\/category\/buscar-en-toda-la-corte\/2018\/tutelas-2018\/' title='Tutelas 2018' class='pt-cv-tax-tutelas-2018'>Tutelas 2018<\/a><\/div>\n<h4 class=\"pt-cv-title\"><a href=\"https:\/\/www.dmsjuridica.com\/buscador_20179478954\/corteconstitucionalcronologico202454587\/t-237-18\/\" class=\"_self\" target=\"_self\" >T-237-18<\/a><\/h4>\n<div class=\"pt-cv-content\">\u00a0 \u00a0 \u00a0 \u00a0 \u00a0T-237-18 \u00a0 \u00a0 \u00a0 \u00a0 \u00a0 \u00a0\u00a0 Sentencia \u00a0 T-237\/18 \u00a0 \u00a0 ACCION DE TUTELA CONTRA PROVIDENCIAS JUDICIALES-Reiteraci\u00f3n de jurisprudencia sobre procedencia excepcional\u00a0 \u00a0 \u00a0 ACCION DE TUTELA CONTRA PROVIDENCIAS JUDICIALES-Requisitos generales y especiales de procedibilidad \u00a0 \u00a0 ACCION DE TUTELA CONTRA PROVIDENCIAS JUDICIALES-Relevancia constitucional del requisito general de subsidiariedad \u00a0 para su procedencia excepcional \u00a0 \u00a0 El incumplimiento del requisito de subsidiariedad deviene en \u00a0 que el amparo constitucional resulte improcedente contra providencias judiciales \u00a0 cuando, entre otras cosas, se utilice para revivir etapas procesales en donde se \u00a0 dejaron de emplear los recursos previstos ...<br \/><div class=\"pt-cv-rmwrap\"><a href=\"https:\/\/www.dmsjuridica.com\/buscador_20179478954\/corteconstitucionalcronologico202454587\/t-237-18\/\" class=\"_self pt-cv-readmore btn btn-success\" target=\"_self\">Ver Sentencia Completa...<\/a><\/div><\/div><\/div><\/div>\n<div class=\"col-md-12 col-sm-12 col-xs-12 pt-cv-content-item pt-cv-1-col\" ><div class='pt-cv-ifield'><a href=\"https:\/\/www.dmsjuridica.com\/buscador_20179478954\/corteconstitucionalcronologico202454587\/t-236-18\/\" class=\"_self pt-cv-href-thumbnail pt-cv-thumb-default\" target=\"_self\" ><\/a>\n<div class=\"pt-cv-taxoterm above_title\"><a href='https:\/\/www.dmsjuridica.com\/buscador_20179478954\/corteconstitucionalcronologico202454587\/category\/buscar-en-toda-la-corte\/2018\/tutelas-2018\/' title='Tutelas 2018' class='pt-cv-tax-tutelas-2018'>Tutelas 2018<\/a><\/div>\n<h4 class=\"pt-cv-title\"><a href=\"https:\/\/www.dmsjuridica.com\/buscador_20179478954\/corteconstitucionalcronologico202454587\/t-236-18\/\" class=\"_self\" target=\"_self\" >T-236-18<\/a><\/h4>\n<div class=\"pt-cv-content\">\u00a0 \u00a0 \u00a0 \u00a0 \u00a0T-236-18 \u00a0 \u00a0 \u00a0 \u00a0 \u00a0 \u00a0\u00a0 Sentencia T-236\/18 \u00a0 \u00a0 CARENCIA ACTUAL DE OBJETO POR \u00a0 FALLECIMIENTO DE TITULAR DE LOS DERECHOS FUNDAMENTALES-Reiteraci\u00f3n de jurisprudencia \u00a0 \u00a0 La muerte del titular de los derechos fundamentales en el \u00a0 tr\u00e1mite de la tutela requiere un an\u00e1lisis particular, en el que se determine el \u00a0 alcance de esa circunstancia frente a la solicitud de amparo examinada. En todos \u00a0 los casos, a pesar de la carencia actual de objeto y de acuerdo con las \u00a0 particularidades del asunto, el juez podr\u00e1: (i) resolver la acci\u00f3n y tener ...<br \/><div class=\"pt-cv-rmwrap\"><a href=\"https:\/\/www.dmsjuridica.com\/buscador_20179478954\/corteconstitucionalcronologico202454587\/t-236-18\/\" class=\"_self pt-cv-readmore btn btn-success\" target=\"_self\">Ver Sentencia Completa...<\/a><\/div><\/div><\/div><\/div>\n<div class=\"col-md-12 col-sm-12 col-xs-12 pt-cv-content-item pt-cv-1-col\" ><div class='pt-cv-ifield'><a href=\"https:\/\/www.dmsjuridica.com\/buscador_20179478954\/corteconstitucionalcronologico202454587\/t-235-18\/\" class=\"_self pt-cv-href-thumbnail pt-cv-thumb-default\" target=\"_self\" ><\/a>\n<div class=\"pt-cv-taxoterm above_title\"><a href='https:\/\/www.dmsjuridica.com\/buscador_20179478954\/corteconstitucionalcronologico202454587\/category\/buscar-en-toda-la-corte\/2018\/tutelas-2018\/' title='Tutelas 2018' class='pt-cv-tax-tutelas-2018'>Tutelas 2018<\/a><\/div>\n<h4 class=\"pt-cv-title\"><a href=\"https:\/\/www.dmsjuridica.com\/buscador_20179478954\/corteconstitucionalcronologico202454587\/t-235-18\/\" class=\"_self\" target=\"_self\" >T-235-18<\/a><\/h4>\n<div class=\"pt-cv-content\">\u00a0 \u00a0 \u00a0 \u00a0 \u00a0T-235-18 \u00a0 \u00a0 \u00a0 \u00a0 \u00a0 \u00a0\u00a0 Sentencia T-235\/18 \u00a0 \u00a0 FUNCION JURISDICCIONAL POR \u00a0 SUPERINTENDENCIA NACIONAL DE SALUD-No desplaza a juez de tutela cuando se trata de proteger el acceso \u00a0 efectivo al derecho fundamental a la salud \u00a0 \u00a0 LEY 1438\/11-Reform\u00f3 el Sistema General de \u00a0 Seguridad Social en Salud, ampliando el \u00e1mbito de competencia de la \u00a0 Superintendencia Nacional de Salud, e instituy\u00f3 un procedimiento \u201cpreferente y \u00a0 sumario\" \u00a0 \u00a0 CARENCIA ACTUAL DE OBJETO-Fen\u00f3meno que se configura en \u00a0 los siguientes eventos: hecho superado, da\u00f1o consumado o situaci\u00f3n sobreviniente \u00a0 \u00a0 CARENCIA ...<br \/><div class=\"pt-cv-rmwrap\"><a href=\"https:\/\/www.dmsjuridica.com\/buscador_20179478954\/corteconstitucionalcronologico202454587\/t-235-18\/\" class=\"_self pt-cv-readmore btn btn-success\" target=\"_self\">Ver Sentencia Completa...<\/a><\/div><\/div><\/div><\/div>\n<div class=\"col-md-12 col-sm-12 col-xs-12 pt-cv-content-item pt-cv-1-col\" ><div class='pt-cv-ifield'><a href=\"https:\/\/www.dmsjuridica.com\/buscador_20179478954\/corteconstitucionalcronologico202454587\/t-234-18\/\" class=\"_self pt-cv-href-thumbnail pt-cv-thumb-default\" target=\"_self\" ><\/a>\n<div class=\"pt-cv-taxoterm above_title\"><a href='https:\/\/www.dmsjuridica.com\/buscador_20179478954\/corteconstitucionalcronologico202454587\/category\/buscar-en-toda-la-corte\/2018\/tutelas-2018\/' title='Tutelas 2018' class='pt-cv-tax-tutelas-2018'>Tutelas 2018<\/a><\/div>\n<h4 class=\"pt-cv-title\"><a href=\"https:\/\/www.dmsjuridica.com\/buscador_20179478954\/corteconstitucionalcronologico202454587\/t-234-18\/\" class=\"_self\" target=\"_self\" >T-234-18<\/a><\/h4>\n<div class=\"pt-cv-content\">\u00a0 \u00a0 \u00a0 \u00a0 \u00a0T-234-18 \u00a0 \u00a0 \u00a0 \u00a0 \u00a0 \u00a0\u00a0 CARENCIA ACTUAL DE OBJETO-Fen\u00f3meno que se configura en los siguientes eventos: hecho \u00a0 superado, da\u00f1o consumado o situaci\u00f3n sobreviniente \u00a0 \u00a0 CARENCIA \u00a0 ACTUAL DE OBJETO POR HECHO SUPERADO-Configuraci\u00f3n \u00a0 \u00a0 La carencia actual de objeto por hecho superado, se presenta cuando se ha \u00a0 satisfecho la pretensi\u00f3n que motiv\u00f3 la solicitud de amparo, y en tal sentido no \u00a0 tendr\u00eda efecto alguno la orden emitida por el juez. \u00a0 \u00a0 DERECHO A LA SEGURIDAD SOCIAL COMO DERECHO FUNDAMENTAL \u00a0 IRRENUNCIABLE-Reiteraci\u00f3n de jurisprudencia \u00a0 \u00a0 EMPLEADOR-Responsabilidad por omisi\u00f3n en ...<br \/><div class=\"pt-cv-rmwrap\"><a href=\"https:\/\/www.dmsjuridica.com\/buscador_20179478954\/corteconstitucionalcronologico202454587\/t-234-18\/\" class=\"_self pt-cv-readmore btn btn-success\" target=\"_self\">Ver Sentencia Completa...<\/a><\/div><\/div><\/div><\/div>\n<div class=\"col-md-12 col-sm-12 col-xs-12 pt-cv-content-item pt-cv-1-col\" ><div class='pt-cv-ifield'><a href=\"https:\/\/www.dmsjuridica.com\/buscador_20179478954\/corteconstitucionalcronologico202454587\/t-233-18\/\" class=\"_self pt-cv-href-thumbnail pt-cv-thumb-default\" target=\"_self\" ><\/a>\n<div class=\"pt-cv-taxoterm above_title\"><a href='https:\/\/www.dmsjuridica.com\/buscador_20179478954\/corteconstitucionalcronologico202454587\/category\/buscar-en-toda-la-corte\/2018\/tutelas-2018\/' title='Tutelas 2018' class='pt-cv-tax-tutelas-2018'>Tutelas 2018<\/a><\/div>\n<h4 class=\"pt-cv-title\"><a href=\"https:\/\/www.dmsjuridica.com\/buscador_20179478954\/corteconstitucionalcronologico202454587\/t-233-18\/\" class=\"_self\" target=\"_self\" >T-233-18<\/a><\/h4>\n<div class=\"pt-cv-content\">Sentencia T-233\/18 \u00a0 \u00a0\u00a0 ACCION DE TUTELA CONTRA PROVIDENCIAS JUDICIALES QUE RESUELVEN LAS \u00a0 SOLICITUDES DE DESACATO Y DE CUMPLIMIENTO DE LOS FALLOS DE TUTELA-Procedencia excepcional \u00a0 \u00a0 La \u00a0 jurisprudencia constitucional ha se\u00f1alado que la acci\u00f3n de tutela contra \u00a0 providencias judiciales que resuelven incidentes de desacato o solicitudes de \u00a0 cumplimiento es procedente \u00fanicamente de manera excepcional. Para explicar el \u00a0 asunto la Corte ha establecido algunos requisitos formales y materiales que se \u00a0 deben tener presentes al momento de hacer el examen de procedencia. Inicialmente \u00a0 y de manera gen\u00e9rica la Corte dijo que la acci\u00f3n de ...<br \/><div class=\"pt-cv-rmwrap\"><a href=\"https:\/\/www.dmsjuridica.com\/buscador_20179478954\/corteconstitucionalcronologico202454587\/t-233-18\/\" class=\"_self pt-cv-readmore btn btn-success\" target=\"_self\">Ver Sentencia Completa...<\/a><\/div><\/div><\/div><\/div>\n<div class=\"col-md-12 col-sm-12 col-xs-12 pt-cv-content-item pt-cv-1-col\" ><div class='pt-cv-ifield'><a href=\"https:\/\/www.dmsjuridica.com\/buscador_20179478954\/corteconstitucionalcronologico202454587\/t-232-18\/\" class=\"_self pt-cv-href-thumbnail pt-cv-thumb-default\" target=\"_self\" ><\/a>\n<div class=\"pt-cv-taxoterm above_title\"><a href='https:\/\/www.dmsjuridica.com\/buscador_20179478954\/corteconstitucionalcronologico202454587\/category\/buscar-en-toda-la-corte\/2018\/tutelas-2018\/' title='Tutelas 2018' class='pt-cv-tax-tutelas-2018'>Tutelas 2018<\/a><\/div>\n<h4 class=\"pt-cv-title\"><a href=\"https:\/\/www.dmsjuridica.com\/buscador_20179478954\/corteconstitucionalcronologico202454587\/t-232-18\/\" class=\"_self\" target=\"_self\" >T-232-18<\/a><\/h4>\n<div class=\"pt-cv-content\">\u00a0 \u00a0 \u00a0 \u00a0 \u00a0T-232-18 \u00a0 \u00a0 \u00a0 \u00a0 \u00a0 \u00a0\u00a0 Sentencia \u00a0 T-232\/18 \u00a0 \u00a0 REGISTRO CIVIL DE \u00a0 NACIMIENTO-Importancia constitucional\/CEDULA DE CIUDADANIA-Importancia \u00a0 para ejercer derechos fundamentales \u00a0 \u00a0 La Corte Constitucional se ha \u00a0 referido en m\u00faltiples oportunidades a la importancia que tiene la c\u00e9dula de \u00a0 ciudadan\u00eda y el registro civil de nacimiento en el ejercicio de los derechos \u00a0 fundamentales de cualquier persona. Respecto a la c\u00e9dula de ciudadan\u00eda, la \u00a0 jurisprudencia ha se\u00f1alado que s\u00f3lo con este documento\u00a0se acredita la \u00a0 personalidad de su titular en todos los actos jur\u00eddicos o situaciones donde se ...<br \/><div class=\"pt-cv-rmwrap\"><a href=\"https:\/\/www.dmsjuridica.com\/buscador_20179478954\/corteconstitucionalcronologico202454587\/t-232-18\/\" class=\"_self pt-cv-readmore btn btn-success\" target=\"_self\">Ver Sentencia Completa...<\/a><\/div><\/div><\/div><\/div>\n<div class=\"col-md-12 col-sm-12 col-xs-12 pt-cv-content-item pt-cv-1-col\" ><div class='pt-cv-ifield'><a href=\"https:\/\/www.dmsjuridica.com\/buscador_20179478954\/corteconstitucionalcronologico202454587\/t-231-18\/\" class=\"_self pt-cv-href-thumbnail pt-cv-thumb-default\" target=\"_self\" ><\/a>\n<div class=\"pt-cv-taxoterm above_title\"><a href='https:\/\/www.dmsjuridica.com\/buscador_20179478954\/corteconstitucionalcronologico202454587\/category\/buscar-en-toda-la-corte\/2018\/tutelas-2018\/' title='Tutelas 2018' class='pt-cv-tax-tutelas-2018'>Tutelas 2018<\/a><\/div>\n<h4 class=\"pt-cv-title\"><a href=\"https:\/\/www.dmsjuridica.com\/buscador_20179478954\/corteconstitucionalcronologico202454587\/t-231-18\/\" class=\"_self\" target=\"_self\" >T-231-18<\/a><\/h4>\n<div class=\"pt-cv-content\">\u00a0 \u00a0 \u00a0 \u00a0 \u00a0T-231-18 \u00a0 \u00a0 \u00a0 \u00a0 \u00a0 \u00a0\u00a0 Sentencia T-231\/18 \u00a0 \u00a0 ACCION DE TUTELA PARA RECONOCIMIENTO DE PRESTACIONES PENSIONALES-Procedencia \u00a0 excepcional \u00a0 \u00a0 La Corte ha se\u00f1alado de forma reiterada que por regla general, \u00a0 la tutela no es procedente para obtener el reconocimiento o pago de prestaciones \u00a0 pensionales, debido a que las controversias laborales y de seguridad social son \u00a0 competencia de las jurisdicciones laboral y contencioso administrativa. \u00a0 Espec\u00edficamente, la jurisprudencia constitucional ha sido enf\u00e1tica en advertir \u00a0 que, cuando se pretende por medio de la acci\u00f3n de tutela obtener el pago del ...<br \/><div class=\"pt-cv-rmwrap\"><a href=\"https:\/\/www.dmsjuridica.com\/buscador_20179478954\/corteconstitucionalcronologico202454587\/t-231-18\/\" class=\"_self pt-cv-readmore btn btn-success\" target=\"_self\">Ver Sentencia Completa...<\/a><\/div><\/div><\/div><\/div>\n<div class=\"col-md-12 col-sm-12 col-xs-12 pt-cv-content-item pt-cv-1-col\" ><div class='pt-cv-ifield'><a href=\"https:\/\/www.dmsjuridica.com\/buscador_20179478954\/corteconstitucionalcronologico202454587\/t-230-18\/\" class=\"_self pt-cv-href-thumbnail pt-cv-thumb-default\" target=\"_self\" ><\/a>\n<div class=\"pt-cv-taxoterm above_title\"><a href='https:\/\/www.dmsjuridica.com\/buscador_20179478954\/corteconstitucionalcronologico202454587\/category\/buscar-en-toda-la-corte\/2018\/tutelas-2018\/' title='Tutelas 2018' class='pt-cv-tax-tutelas-2018'>Tutelas 2018<\/a><\/div>\n<h4 class=\"pt-cv-title\"><a href=\"https:\/\/www.dmsjuridica.com\/buscador_20179478954\/corteconstitucionalcronologico202454587\/t-230-18\/\" class=\"_self\" target=\"_self\" >T-230-18<\/a><\/h4>\n<div class=\"pt-cv-content\">\u00a0 \u00a0 \u00a0 \u00a0 \u00a0T-230-18 \u00a0 \u00a0 \u00a0 \u00a0 \u00a0 \u00a0\u00a0 Sentencia T-230\/18 \u00a0 \u00a0 PENSION DE VEJEZ-Naturaleza jur\u00eddica \u00a0 \u00a0 La \u00a0 pensi\u00f3n de vejez ha sido definida por esta Corporaci\u00f3n como un \u201csalario diferido del \u00a0 trabajador, fruto de su ahorro forzoso durante toda una vida de trabajo. (...)\". \u00a0 \u00a0 ALLANAMIENTO A LA MORA EN EL PAGO DE APORTES Y COTIZACIONES \u00a0 PENSIONALES \u00a0 \u00a0 PENSION DE VEJEZ Y REGIMEN DE TRANSICION-Aplicaci\u00f3n del Acuerdo 049\/90 \u00a0 \u00a0 DERECHO A LA PENSION DE VEJEZ-Orden a \u00a0 Colpensiones reconocer pensi\u00f3n de vejez y pagar el retroactivo correspondiente a \u00a0 ...<br \/><div class=\"pt-cv-rmwrap\"><a href=\"https:\/\/www.dmsjuridica.com\/buscador_20179478954\/corteconstitucionalcronologico202454587\/t-230-18\/\" class=\"_self pt-cv-readmore btn btn-success\" target=\"_self\">Ver Sentencia Completa...<\/a><\/div><\/div><\/div><\/div>\n<div class=\"col-md-12 col-sm-12 col-xs-12 pt-cv-content-item pt-cv-1-col\" ><div class='pt-cv-ifield'><a href=\"https:\/\/www.dmsjuridica.com\/buscador_20179478954\/corteconstitucionalcronologico202454587\/t-229-18\/\" class=\"_self pt-cv-href-thumbnail pt-cv-thumb-default\" target=\"_self\" ><\/a>\n<div class=\"pt-cv-taxoterm above_title\"><a href='https:\/\/www.dmsjuridica.com\/buscador_20179478954\/corteconstitucionalcronologico202454587\/category\/buscar-en-toda-la-corte\/2018\/tutelas-2018\/' title='Tutelas 2018' class='pt-cv-tax-tutelas-2018'>Tutelas 2018<\/a><\/div>\n<h4 class=\"pt-cv-title\"><a href=\"https:\/\/www.dmsjuridica.com\/buscador_20179478954\/corteconstitucionalcronologico202454587\/t-229-18\/\" class=\"_self\" target=\"_self\" >T-229-18<\/a><\/h4>\n<div class=\"pt-cv-content\">\u00a0 \u00a0 \u00a0 \u00a0 \u00a0T-229-18 \u00a0 \u00a0 \u00a0 \u00a0 \u00a0 \u00a0\u00a0 Sentencia \u00a0 T-229\/18 \u00a0 \u00a0 CARENCIA ACTUAL DE OBJETO POR HECHO SUPERADO-Configuraci\u00f3n \u00a0 \u00a0 CARENCIA ACTUAL DE OBJETO POR HECHO SUPERADO-Se reconoci\u00f3 pensi\u00f3n de invalidez \u00a0 \u00a0 Referencia: Expediente T-6.527.462 \u00a0 \u00a0 \u00a0\u00a0\u00a0\u00a0\u00a0\u00a0\u00a0\u00a0\u00a0\u00a0\u00a0\u00a0\u00a0\u00a0\u00a0\u00a0\u00a0\u00a0\u00a0\u00a0\u00a0\u00a0\u00a0\u00a0\u00a0\u00a0\u00a0\u00a0\u00a0\u00a0\u00a0\u00a0\u00a0\u00a0\u00a0\u00a0\u00a0\u00a0\u00a0\u00a0\u00a0\u00a0\u00a0\u00a0 \u00a0 \u00a0 Acci\u00f3n de tutela interpuesta por Pedro Yara contra la Administradora Colombiana \u00a0 de Pensiones Colpensiones. \u00a0 \u00a0 Magistrada Ponente: \u00a0 \u00a0 CRISTINA PARDO SCHLESINGER \u00a0 \u00a0 Bogot\u00e1 D.C., catorce (14) de junio de dos mil dieciocho (2018) \u00a0 \u00a0 La Sala S\u00e9ptima de Revisi\u00f3n de la Corte Constitucional, integrada por \u00a0 los Magistrados Jos\u00e9 ...<br \/><div class=\"pt-cv-rmwrap\"><a href=\"https:\/\/www.dmsjuridica.com\/buscador_20179478954\/corteconstitucionalcronologico202454587\/t-229-18\/\" class=\"_self pt-cv-readmore btn btn-success\" target=\"_self\">Ver Sentencia Completa...<\/a><\/div><\/div><\/div><\/div>\n<div class=\"col-md-12 col-sm-12 col-xs-12 pt-cv-content-item pt-cv-1-col\" ><div class='pt-cv-ifield'><a href=\"https:\/\/www.dmsjuridica.com\/buscador_20179478954\/corteconstitucionalcronologico202454587\/t-227-18\/\" class=\"_self pt-cv-href-thumbnail pt-cv-thumb-default\" target=\"_self\" ><\/a>\n<div class=\"pt-cv-taxoterm above_title\"><a href='https:\/\/www.dmsjuridica.com\/buscador_20179478954\/corteconstitucionalcronologico202454587\/category\/buscar-en-toda-la-corte\/2018\/tutelas-2018\/' title='Tutelas 2018' class='pt-cv-tax-tutelas-2018'>Tutelas 2018<\/a><\/div>\n<h4 class=\"pt-cv-title\"><a href=\"https:\/\/www.dmsjuridica.com\/buscador_20179478954\/corteconstitucionalcronologico202454587\/t-227-18\/\" class=\"_self\" target=\"_self\" >T-227-18<\/a><\/h4>\n<div class=\"pt-cv-content\">\u00a0 \u00a0 \u00a0 \u00a0 \u00a0T-227-18 \u00a0 \u00a0 \u00a0 \u00a0 \u00a0 \u00a0\u00a0 \u00a0\u00a0\u00a0\u00a0\u00a0\u00a0\u00a0 \u00a0 \u00a0\u00a0 Sentencia T-227\/18 \u00a0 \u00a0 INSCRIPCION EN EL REGISTRO UNICO DE VICTIMAS-Finalidad \u00a0 \u00a0 La \u00a0 Corte ha sido enf\u00e1tica al sostener\u00a0que el RUV es un instrumento para identificar a los destinatarios de \u00a0 ciertas medidas de protecci\u00f3n\u00a0y que\u00a0\u201cpor su conducto (i) se materializan \u00a0 las entregas de ayudas de car\u00e1cter humanitario; (ii) el acceso a planes de \u00a0 estabilizaci\u00f3n socio econ\u00f3mica y programas de retorno, reasentamiento o \u00a0 reubicaci\u00f3n y, (iii) en t\u00e9rminos generales el acceso a la oferta estatal y los \u00a0 beneficios contemplados en ...<br \/><div class=\"pt-cv-rmwrap\"><a href=\"https:\/\/www.dmsjuridica.com\/buscador_20179478954\/corteconstitucionalcronologico202454587\/t-227-18\/\" class=\"_self pt-cv-readmore btn btn-success\" target=\"_self\">Ver Sentencia Completa...<\/a><\/div><\/div><\/div><\/div>\n<div class=\"col-md-12 col-sm-12 col-xs-12 pt-cv-content-item pt-cv-1-col\" ><div class='pt-cv-ifield'><a href=\"https:\/\/www.dmsjuridica.com\/buscador_20179478954\/corteconstitucionalcronologico202454587\/t-226-18\/\" class=\"_self pt-cv-href-thumbnail pt-cv-thumb-default\" target=\"_self\" ><\/a>\n<div class=\"pt-cv-taxoterm above_title\"><a href='https:\/\/www.dmsjuridica.com\/buscador_20179478954\/corteconstitucionalcronologico202454587\/category\/buscar-en-toda-la-corte\/2018\/tutelas-2018\/' title='Tutelas 2018' class='pt-cv-tax-tutelas-2018'>Tutelas 2018<\/a><\/div>\n<h4 class=\"pt-cv-title\"><a href=\"https:\/\/www.dmsjuridica.com\/buscador_20179478954\/corteconstitucionalcronologico202454587\/t-226-18\/\" class=\"_self\" target=\"_self\" >T-226-18<\/a><\/h4>\n<div class=\"pt-cv-content\">\u00a0 \u00a0 \u00a0 \u00a0 \u00a0T-226-18 \u00a0 \u00a0 \u00a0 \u00a0 \u00a0 \u00a0\u00a0 Sentencia T\u2013226\/18 \u00a0 \u00a0 ACCION DE TUTELA PARA RECONOCIMIENTO Y \u00a0 PAGO DE BONO PENSIONAL-Procedencia excepcional \u00a0 \u00a0 DERECHO A LA EMISION DE BONOS \u00a0 PENSIONALES-Se \u00a0 adquiere desde el momento del traslado al r\u00e9gimen de ahorro individual, y \u00a0 liquidaci\u00f3n y emisi\u00f3n deber\u00e1 realizarse conforme a la normatividad aplicable en \u00a0 ese momento \u00a0 \u00a0 Para el caso de los aviadores civiles \u00a0 el art\u00edculo 13 del Decreto 1282 de 1994\u00a0dispuso que cuando un piloto decide \u00a0 trasladarse al\u00a0R\u00e9gimen de Ahorro Individual con Solidaridad tiene derecho al \u00a0 ...<br \/><div class=\"pt-cv-rmwrap\"><a href=\"https:\/\/www.dmsjuridica.com\/buscador_20179478954\/corteconstitucionalcronologico202454587\/t-226-18\/\" class=\"_self pt-cv-readmore btn btn-success\" target=\"_self\">Ver Sentencia Completa...<\/a><\/div><\/div><\/div><\/div>\n<div class=\"col-md-12 col-sm-12 col-xs-12 pt-cv-content-item pt-cv-1-col\" ><div class='pt-cv-ifield'><a href=\"https:\/\/www.dmsjuridica.com\/buscador_20179478954\/corteconstitucionalcronologico202454587\/t-225-18\/\" class=\"_self pt-cv-href-thumbnail pt-cv-thumb-default\" target=\"_self\" ><\/a>\n<div class=\"pt-cv-taxoterm above_title\"><a href='https:\/\/www.dmsjuridica.com\/buscador_20179478954\/corteconstitucionalcronologico202454587\/category\/buscar-en-toda-la-corte\/2018\/tutelas-2018\/' title='Tutelas 2018' class='pt-cv-tax-tutelas-2018'>Tutelas 2018<\/a><\/div>\n<h4 class=\"pt-cv-title\"><a href=\"https:\/\/www.dmsjuridica.com\/buscador_20179478954\/corteconstitucionalcronologico202454587\/t-225-18\/\" class=\"_self\" target=\"_self\" >T-225-18<\/a><\/h4>\n<div class=\"pt-cv-content\">\u00a0 \u00a0 \u00a0 \u00a0 \u00a0T-225-18 \u00a0 \u00a0 \u00a0 \u00a0 \u00a0 \u00a0\u00a0 Sentencia T-225\/18 \u00a0 \u00a0 ACCION DE TUTELA PARA RECONOCIMIENTO DE PRESTACIONES SOCIALES-Procedencia excepcional \u00a0 \u00a0 ACCION DE TUTELA PARA RECLAMAR RETROACTIVO PENSIONAL-Procedencia excepcional \u00a0 \u00a0 En cuanto a la solicitud de reconocimiento y pago de \u00a0 retroactivo pensional, si bien este Tribunal ha sostenido que no es la acci\u00f3n de \u00a0 tutela el medio para ventilarla debido a que es una prestaci\u00f3n dineraria que no \u00a0 afecta el m\u00ednimo vital de quien ya est\u00e1 recibiendo una asignaci\u00f3n mensual, en \u00a0 ciertas circunstancias esta categorizaci\u00f3n no puede aplicarse de pleno,\u00a0ya ...<br \/><div class=\"pt-cv-rmwrap\"><a href=\"https:\/\/www.dmsjuridica.com\/buscador_20179478954\/corteconstitucionalcronologico202454587\/t-225-18\/\" class=\"_self pt-cv-readmore btn btn-success\" target=\"_self\">Ver Sentencia Completa...<\/a><\/div><\/div><\/div><\/div>\n<div class=\"col-md-12 col-sm-12 col-xs-12 pt-cv-content-item pt-cv-1-col\" ><div class='pt-cv-ifield'><a href=\"https:\/\/www.dmsjuridica.com\/buscador_20179478954\/corteconstitucionalcronologico202454587\/t-224-18\/\" class=\"_self pt-cv-href-thumbnail pt-cv-thumb-default\" target=\"_self\" ><\/a>\n<div class=\"pt-cv-taxoterm above_title\"><a href='https:\/\/www.dmsjuridica.com\/buscador_20179478954\/corteconstitucionalcronologico202454587\/category\/buscar-en-toda-la-corte\/2018\/tutelas-2018\/' title='Tutelas 2018' class='pt-cv-tax-tutelas-2018'>Tutelas 2018<\/a><\/div>\n<h4 class=\"pt-cv-title\"><a href=\"https:\/\/www.dmsjuridica.com\/buscador_20179478954\/corteconstitucionalcronologico202454587\/t-224-18\/\" class=\"_self\" target=\"_self\" >T-224-18<\/a><\/h4>\n<div class=\"pt-cv-content\">\u00a0 \u00a0 \u00a0 \u00a0 \u00a0T-224-18 \u00a0 \u00a0 \u00a0 \u00a0 \u00a0 \u00a0\u00a0 Sentencia T-224\/18 \u00a0 \u00a0 ACCION DE TUTELA PARA SOLICITAR EL RETIRO O REUBICACION DE CAMARA \u00a0 DE VIGILANCIA-Improcedencia por incumplir requisito de subsidiariedad, por no \u00a0 acudirse previamente a la administraci\u00f3n municipal, ni al procedimiento \u00a0 administrativo general\u00a0 \u00a0 \u00a0 La Corte estim\u00f3 que no hay lugar a resolver de m\u00e9rito, habida \u00a0 cuenta de que no se cumpli\u00f3 con el requisito de subsidiariedad dado que, del \u00a0 caudal probatorio adosado al expediente, no se extrae que el actor haya agotado, \u00a0 previa iniciaci\u00f3n de este tr\u00e1mite, el conducto ...<br \/><div class=\"pt-cv-rmwrap\"><a href=\"https:\/\/www.dmsjuridica.com\/buscador_20179478954\/corteconstitucionalcronologico202454587\/t-224-18\/\" class=\"_self pt-cv-readmore btn btn-success\" target=\"_self\">Ver Sentencia Completa...<\/a><\/div><\/div><\/div><\/div>\n<div class=\"col-md-12 col-sm-12 col-xs-12 pt-cv-content-item pt-cv-1-col\" ><div class='pt-cv-ifield'><a href=\"https:\/\/www.dmsjuridica.com\/buscador_20179478954\/corteconstitucionalcronologico202454587\/t-223-18\/\" class=\"_self pt-cv-href-thumbnail pt-cv-thumb-default\" target=\"_self\" ><\/a>\n<div class=\"pt-cv-taxoterm above_title\"><a href='https:\/\/www.dmsjuridica.com\/buscador_20179478954\/corteconstitucionalcronologico202454587\/category\/buscar-en-toda-la-corte\/2018\/tutelas-2018\/' title='Tutelas 2018' class='pt-cv-tax-tutelas-2018'>Tutelas 2018<\/a><\/div>\n<h4 class=\"pt-cv-title\"><a href=\"https:\/\/www.dmsjuridica.com\/buscador_20179478954\/corteconstitucionalcronologico202454587\/t-223-18\/\" class=\"_self\" target=\"_self\" >T-223-18<\/a><\/h4>\n<div class=\"pt-cv-content\">Sentencia T-223\/18 \u00a0 \u00a0 ACCION DE TUTELA PARA SOLICITAR \u00a0 PROTECCION DEL DERECHO AL AGUA-Procedencia excepcional \u00a0 \u00a0 Es posible extraer dos reglas generales de procedencia. En \u00a0 principio, el agua como servicio p\u00fablico debe ser reclamada a trav\u00e9s de la \u00a0 acci\u00f3n popular, y el agua como derecho fundamental, asociada al consumo m\u00ednimo \u00a0 humano, puede solicitarse a trav\u00e9s de la tutela. \u00a0 \u00a0 DERECHO FUNDAMENTAL AL AGUA POTABLE-Naturaleza y alcance \u00a0 \u00a0 Al ser el agua una \u00a0 necesidad b\u00e1sica y un elemento indispensable para la existencia del ser humano, \u00a0 la jurisprudencia de esta Corporaci\u00f3n ha reconocido ...<br \/><div class=\"pt-cv-rmwrap\"><a href=\"https:\/\/www.dmsjuridica.com\/buscador_20179478954\/corteconstitucionalcronologico202454587\/t-223-18\/\" class=\"_self pt-cv-readmore btn btn-success\" target=\"_self\">Ver Sentencia Completa...<\/a><\/div><\/div><\/div><\/div>\n<div class=\"col-md-12 col-sm-12 col-xs-12 pt-cv-content-item pt-cv-1-col\" ><div class='pt-cv-ifield'><a href=\"https:\/\/www.dmsjuridica.com\/buscador_20179478954\/corteconstitucionalcronologico202454587\/t-222-18\/\" class=\"_self pt-cv-href-thumbnail pt-cv-thumb-default\" target=\"_self\" ><\/a>\n<div class=\"pt-cv-taxoterm above_title\"><a href='https:\/\/www.dmsjuridica.com\/buscador_20179478954\/corteconstitucionalcronologico202454587\/category\/buscar-en-toda-la-corte\/2018\/tutelas-2018\/' title='Tutelas 2018' class='pt-cv-tax-tutelas-2018'>Tutelas 2018<\/a><\/div>\n<h4 class=\"pt-cv-title\"><a href=\"https:\/\/www.dmsjuridica.com\/buscador_20179478954\/corteconstitucionalcronologico202454587\/t-222-18\/\" class=\"_self\" target=\"_self\" >T-222-18<\/a><\/h4>\n<div class=\"pt-cv-content\">\u00a0 \u00a0 \u00a0 \u00a0 \u00a0T-222-18 \u00a0 \u00a0 \u00a0 \u00a0 \u00a0 \u00a0\u00a0 Sentencia T-222\/18 \u00a0 \u00a0 DERECHO A LA SEGURIDAD SOCIAL EN MATERIA PENSIONAL-Fundamental \u00a0 \u00a0 El derecho a seguridad social tiene un car\u00e1cter fundamental \u00a0 relacionado con el derecho al m\u00ednimo vital y la pensi\u00f3n de vejez, m\u00e1s a\u00fan, \u00a0 cuando se trata de personas que se encuentran en estado de indefensi\u00f3n, y son \u00a0 destinatarias de una especial protecci\u00f3n constitucional. \u00a0 \u00a0 PENSION DE VEJEZ-Evoluci\u00f3n normativa \u00a0 \u00a0 Respecto a las normas de la pensi\u00f3n de vejez, en Colombia \u00a0 han existido tres reg\u00edmenes pensionales generales desde el a\u00f1o ...<br \/><div class=\"pt-cv-rmwrap\"><a href=\"https:\/\/www.dmsjuridica.com\/buscador_20179478954\/corteconstitucionalcronologico202454587\/t-222-18\/\" class=\"_self pt-cv-readmore btn btn-success\" target=\"_self\">Ver Sentencia Completa...<\/a><\/div><\/div><\/div><\/div>\n<div class=\"col-md-12 col-sm-12 col-xs-12 pt-cv-content-item pt-cv-1-col\" ><div class='pt-cv-ifield'><a href=\"https:\/\/www.dmsjuridica.com\/buscador_20179478954\/corteconstitucionalcronologico202454587\/t-221-18\/\" class=\"_self pt-cv-href-thumbnail pt-cv-thumb-default\" target=\"_self\" ><\/a>\n<div class=\"pt-cv-taxoterm above_title\"><a href='https:\/\/www.dmsjuridica.com\/buscador_20179478954\/corteconstitucionalcronologico202454587\/category\/buscar-en-toda-la-corte\/2018\/tutelas-2018\/' title='Tutelas 2018' class='pt-cv-tax-tutelas-2018'>Tutelas 2018<\/a><\/div>\n<h4 class=\"pt-cv-title\"><a href=\"https:\/\/www.dmsjuridica.com\/buscador_20179478954\/corteconstitucionalcronologico202454587\/t-221-18\/\" class=\"_self\" target=\"_self\" >T-221-18<\/a><\/h4>\n<div class=\"pt-cv-content\">\u00a0 \u00a0 \u00a0 \u00a0 \u00a0T-221-18 \u00a0 \u00a0 \u00a0 \u00a0 \u00a0 \u00a0\u00a0 Sentencia \u00a0 T-221\/18 \u00a0 \u00a0 ACCION DE TUTELA CONTRA \u00a0 PROVIDENCIAS JUDICIALES-Reiteraci\u00f3n de jurisprudencia sobre procedencia excepcional\u00a0 \u00a0 \u00a0 ACCION DE TUTELA CONTRA \u00a0 PROVIDENCIAS JUDICIALES-Requisitos generales y especiales de procedibilidad \u00a0 \u00a0 CARACTERIZACION DEL DEFECTO \u00a0 FACTICO COMO CAUSAL ESPECIFICA DE PROCEDIBILIDAD DE LA ACCION DE TUTELA CONTRA \u00a0 PROVIDENCIAS JUDICIALES \u00a0 \u00a0 Este defecto se configura cuando\u00a0el apoyo \u00a0 probatorio en el cual se basa el juzgador para resolver un caso es absolutamente \u00a0 inadecuado.\u00a0As\u00ed, si bien la valoraci\u00f3n de las pruebas corresponde al juez, en \u00a0 ...<br \/><div class=\"pt-cv-rmwrap\"><a href=\"https:\/\/www.dmsjuridica.com\/buscador_20179478954\/corteconstitucionalcronologico202454587\/t-221-18\/\" class=\"_self pt-cv-readmore btn btn-success\" target=\"_self\">Ver Sentencia Completa...<\/a><\/div><\/div><\/div><\/div>\n<div class=\"col-md-12 col-sm-12 col-xs-12 pt-cv-content-item pt-cv-1-col\" ><div class='pt-cv-ifield'><a href=\"https:\/\/www.dmsjuridica.com\/buscador_20179478954\/corteconstitucionalcronologico202454587\/t-220-18\/\" class=\"_self pt-cv-href-thumbnail pt-cv-thumb-default\" target=\"_self\" ><\/a>\n<div class=\"pt-cv-taxoterm above_title\"><a href='https:\/\/www.dmsjuridica.com\/buscador_20179478954\/corteconstitucionalcronologico202454587\/category\/buscar-en-toda-la-corte\/2018\/tutelas-2018\/' title='Tutelas 2018' class='pt-cv-tax-tutelas-2018'>Tutelas 2018<\/a><\/div>\n<h4 class=\"pt-cv-title\"><a href=\"https:\/\/www.dmsjuridica.com\/buscador_20179478954\/corteconstitucionalcronologico202454587\/t-220-18\/\" class=\"_self\" target=\"_self\" >T-220-18<\/a><\/h4>\n<div class=\"pt-cv-content\">\u00a0 \u00a0 \u00a0 \u00a0 \u00a0T-220-18 \u00a0 \u00a0 \u00a0 \u00a0 \u00a0 \u00a0\u00a0 Sentencia T-220\/18 \u00a0 \u00a0 ACCION DE TUTELA PARA SOLICITAR \u00a0 CALIFICACION DE PERDIDA DE CAPACIDAD LABORAL-Improcedencia por no cumplirse con el requisito de legitimaci\u00f3n por \u00a0 pasiva \u00a0 \u00a0 Conforme con el art\u00edculo 86 de la \u00a0 Constituci\u00f3n Pol\u00edtica y el art\u00edculo 5 del Decreto 2591 de 1991, la Corte \u00a0 Constitucional ha establecido que la legitimaci\u00f3n por pasiva en la acci\u00f3n de \u00a0 tutela \u201c(\u2026) se refiere a la aptitud legal de la entidad contra quien se dirige \u00a0 la acci\u00f3n, de ser efectivamente la llamada a responder ...<br \/><div class=\"pt-cv-rmwrap\"><a href=\"https:\/\/www.dmsjuridica.com\/buscador_20179478954\/corteconstitucionalcronologico202454587\/t-220-18\/\" class=\"_self pt-cv-readmore btn btn-success\" target=\"_self\">Ver Sentencia Completa...<\/a><\/div><\/div><\/div><\/div>\n<div class=\"col-md-12 col-sm-12 col-xs-12 pt-cv-content-item pt-cv-1-col\" ><div class='pt-cv-ifield'><a href=\"https:\/\/www.dmsjuridica.com\/buscador_20179478954\/corteconstitucionalcronologico202454587\/t-219-18\/\" class=\"_self pt-cv-href-thumbnail pt-cv-thumb-default\" target=\"_self\" ><\/a>\n<div class=\"pt-cv-taxoterm above_title\"><a href='https:\/\/www.dmsjuridica.com\/buscador_20179478954\/corteconstitucionalcronologico202454587\/category\/buscar-en-toda-la-corte\/2018\/tutelas-2018\/' title='Tutelas 2018' class='pt-cv-tax-tutelas-2018'>Tutelas 2018<\/a><\/div>\n<h4 class=\"pt-cv-title\"><a href=\"https:\/\/www.dmsjuridica.com\/buscador_20179478954\/corteconstitucionalcronologico202454587\/t-219-18\/\" class=\"_self\" target=\"_self\" >T-219-18<\/a><\/h4>\n<div class=\"pt-cv-content\">\u00a0 \u00a0 \u00a0 \u00a0 \u00a0T-219-18 \u00a0 \u00a0 \u00a0 \u00a0 \u00a0 \u00a0\u00a0 Sentencia T-219\/18 \u00a0 \u00a0 COSA JUZGADA CONSTITUCIONAL EN TUTELA-Proporciona firmeza y obliga al acatamiento de sentencias de tutela \u00a0 \u00a0 COSA JUZGADA CONSTITUCIONAL EN TUTELA-Triple identidad \u00a0 conlleva improcedencia \u00a0 \u00a0 ACCION DE TUTELA TEMERARIA-Identidad de partes, \u00a0 hechos y pretensiones \u00a0 \u00a0 COSA JUZGADA CONSTITUCIONAL EN TUTELA-La \u00a0 pretensi\u00f3n relativa al reconocimiento y pago de incapacidades del accionante ya \u00a0 hab\u00eda sido resuelta, de manera definitiva, en otro proceso de tutela que hizo \u00a0 tr\u00e1nsito a cosa juzgada \u00a0 \u00a0 ACCION DE TUTELA PARA ORDENAR \u00a0 RECONOCIMIENTO Y ...<br \/><div class=\"pt-cv-rmwrap\"><a href=\"https:\/\/www.dmsjuridica.com\/buscador_20179478954\/corteconstitucionalcronologico202454587\/t-219-18\/\" class=\"_self pt-cv-readmore btn btn-success\" target=\"_self\">Ver Sentencia Completa...<\/a><\/div><\/div><\/div><\/div>\n<div class=\"col-md-12 col-sm-12 col-xs-12 pt-cv-content-item pt-cv-1-col\" ><div class='pt-cv-ifield'><a href=\"https:\/\/www.dmsjuridica.com\/buscador_20179478954\/corteconstitucionalcronologico202454587\/t-218-18\/\" class=\"_self pt-cv-href-thumbnail pt-cv-thumb-default\" target=\"_self\" ><\/a>\n<div class=\"pt-cv-taxoterm above_title\"><a href='https:\/\/www.dmsjuridica.com\/buscador_20179478954\/corteconstitucionalcronologico202454587\/category\/buscar-en-toda-la-corte\/2018\/tutelas-2018\/' title='Tutelas 2018' class='pt-cv-tax-tutelas-2018'>Tutelas 2018<\/a><\/div>\n<h4 class=\"pt-cv-title\"><a href=\"https:\/\/www.dmsjuridica.com\/buscador_20179478954\/corteconstitucionalcronologico202454587\/t-218-18\/\" class=\"_self\" target=\"_self\" >T-218-18<\/a><\/h4>\n<div class=\"pt-cv-content\">\u00a0 \u00a0 \u00a0 \u00a0 \u00a0T-218-18 \u00a0 \u00a0 \u00a0 \u00a0 \u00a0 \u00a0\u00a0 Sentencia \u00a0 T-218\/18 \u00a0 \u00a0 DERECHO AL PAGO DE INCAPACIDAD LABORAL-Procedencia de tutela cuando afecta m\u00ednimo vital del trabajador y \u00a0 su familia \u00a0 \u00a0 TRAMITE DE INCAPACIDADES LABORALES DE ORIGEN COMUN \u00a0 \u00a0 INCAPACIDADES LABORALES-Importancia \u00a0 constitucional \u00a0 \u00a0 INCAPACIDAD LABORAL SUPERIOR A 540 DIAS-EPS facultadas para el recobro de los dineros pagados por \u00a0 concepto de dichas incapacidades \u00a0 \u00a0 Esta Corte se\u00f1al\u00f3 en la sentencia \u00a0 T-144 de 2016 que las EPS solo asumen una carga administrativa en el \u00a0 reconocimiento y pago de dichas incapacidades, ...<br \/><div class=\"pt-cv-rmwrap\"><a href=\"https:\/\/www.dmsjuridica.com\/buscador_20179478954\/corteconstitucionalcronologico202454587\/t-218-18\/\" class=\"_self pt-cv-readmore btn btn-success\" target=\"_self\">Ver Sentencia Completa...<\/a><\/div><\/div><\/div><\/div>\n<div class=\"col-md-12 col-sm-12 col-xs-12 pt-cv-content-item pt-cv-1-col\" ><div class='pt-cv-ifield'><a href=\"https:\/\/www.dmsjuridica.com\/buscador_20179478954\/corteconstitucionalcronologico202454587\/t-217-18\/\" class=\"_self pt-cv-href-thumbnail pt-cv-thumb-default\" target=\"_self\" ><\/a>\n<div class=\"pt-cv-taxoterm above_title\"><a href='https:\/\/www.dmsjuridica.com\/buscador_20179478954\/corteconstitucionalcronologico202454587\/category\/buscar-en-toda-la-corte\/2018\/tutelas-2018\/' title='Tutelas 2018' class='pt-cv-tax-tutelas-2018'>Tutelas 2018<\/a><\/div>\n<h4 class=\"pt-cv-title\"><a href=\"https:\/\/www.dmsjuridica.com\/buscador_20179478954\/corteconstitucionalcronologico202454587\/t-217-18\/\" class=\"_self\" target=\"_self\" >T-217-18<\/a><\/h4>\n<div class=\"pt-cv-content\">\u00a0 \u00a0 \u00a0 \u00a0 \u00a0T-217-18 \u00a0 \u00a0 \u00a0 \u00a0 \u00a0 \u00a0\u00a0 Sentencia T-217\/18 \u00a0 \u00a0 COSA \u00a0 JUZGADA CONSTITUCIONAL Y TEMERIDAD-Configuraci\u00f3n \u00a0 \u00a0 Esta Corporaci\u00f3n ha se\u00f1alado que existe temeridad \u00a0 cuando entre dos o m\u00e1s acciones de tutela se presentan los siguientes \u00a0 escenarios: (i) identidad de partes; (ii) identidad de causa; (iii) identidad de \u00a0 objeto; y (iv)\u00a0ausencia \u00a0 de justificaci\u00f3n en la formulaci\u00f3n de la nueva demanda, vinculada a un actuar \u00a0 doloso o de mala fe por parte del accionante. La interposici\u00f3n de acciones de \u00a0 tutela temerarias atenta contra el principio de cosa juzgada constitucional ...<br \/><div class=\"pt-cv-rmwrap\"><a href=\"https:\/\/www.dmsjuridica.com\/buscador_20179478954\/corteconstitucionalcronologico202454587\/t-217-18\/\" class=\"_self pt-cv-readmore btn btn-success\" target=\"_self\">Ver Sentencia Completa...<\/a><\/div><\/div><\/div><\/div>\n<div class=\"col-md-12 col-sm-12 col-xs-12 pt-cv-content-item pt-cv-1-col\" ><div class='pt-cv-ifield'><a href=\"https:\/\/www.dmsjuridica.com\/buscador_20179478954\/corteconstitucionalcronologico202454587\/t-216-18\/\" class=\"_self pt-cv-href-thumbnail pt-cv-thumb-default\" target=\"_self\" ><\/a>\n<div class=\"pt-cv-taxoterm above_title\"><a href='https:\/\/www.dmsjuridica.com\/buscador_20179478954\/corteconstitucionalcronologico202454587\/category\/buscar-en-toda-la-corte\/2018\/tutelas-2018\/' title='Tutelas 2018' class='pt-cv-tax-tutelas-2018'>Tutelas 2018<\/a><\/div>\n<h4 class=\"pt-cv-title\"><a href=\"https:\/\/www.dmsjuridica.com\/buscador_20179478954\/corteconstitucionalcronologico202454587\/t-216-18\/\" class=\"_self\" target=\"_self\" >T-216-18<\/a><\/h4>\n<div class=\"pt-cv-content\">\u00a0 \u00a0 \u00a0 \u00a0 \u00a0T-216-18 \u00a0 \u00a0 \u00a0 \u00a0 \u00a0 \u00a0\u00a0 ACCION DE TUTELA PARA EL \u00a0 RECONOCIMIENTO DE PENSION DE INVALIDEZ A ENFERMO DE VIH\/SIDA-Procedencia por ser el \u00a0 mecanismo id\u00f3neo para la defensa de los derechos fundamentales del accionante y \u00a0 para lograr el reconocimiento de la prestaci\u00f3n pensional \u00a0 \u00a0 CARENCIA ACTUAL DE OBJETO-Fen\u00f3meno que se configura en \u00a0 los siguientes eventos: hecho superado, da\u00f1o consumado o situaci\u00f3n sobreviniente \u00a0 \u00a0 CARENCIA ACTUAL DE OBJETO POR \u00a0 HECHO SUPERADO-Se reconoci\u00f3 pensi\u00f3n de invalidez \u00a0 \u00a0 Referencia: \u00a0 Expediente T-6522376 \u00a0 \u00a0 Acci\u00f3n de tutela \u00a0 instaurada por ...<br \/><div class=\"pt-cv-rmwrap\"><a href=\"https:\/\/www.dmsjuridica.com\/buscador_20179478954\/corteconstitucionalcronologico202454587\/t-216-18\/\" class=\"_self pt-cv-readmore btn btn-success\" target=\"_self\">Ver Sentencia Completa...<\/a><\/div><\/div><\/div><\/div>\n<div class=\"col-md-12 col-sm-12 col-xs-12 pt-cv-content-item pt-cv-1-col\" ><div class='pt-cv-ifield'><a href=\"https:\/\/www.dmsjuridica.com\/buscador_20179478954\/corteconstitucionalcronologico202454587\/t-215-18\/\" class=\"_self pt-cv-href-thumbnail pt-cv-thumb-default\" target=\"_self\" ><\/a>\n<div class=\"pt-cv-taxoterm above_title\"><a href='https:\/\/www.dmsjuridica.com\/buscador_20179478954\/corteconstitucionalcronologico202454587\/category\/buscar-en-toda-la-corte\/2018\/tutelas-2018\/' title='Tutelas 2018' class='pt-cv-tax-tutelas-2018'>Tutelas 2018<\/a><\/div>\n<h4 class=\"pt-cv-title\"><a href=\"https:\/\/www.dmsjuridica.com\/buscador_20179478954\/corteconstitucionalcronologico202454587\/t-215-18\/\" class=\"_self\" target=\"_self\" >T-215-18<\/a><\/h4>\n<div class=\"pt-cv-content\">\u00a0 \u00a0 \u00a0 \u00a0 \u00a0T-215-18 \u00a0 \u00a0 \u00a0 \u00a0 \u00a0 \u00a0\u00a0 Sentencia T-215\/18 \u00a0 \u00a0 DERECHO A LA SALUD-Desarrollo normativo mediante Ley Estatutaria 1751 de 2015 \u00a0 \u00a0 Con la \u00a0 expedici\u00f3n de la Ley 1751 de 2015, se da una mayor protecci\u00f3n del derecho a la \u00a0 salud como derecho fundamental aut\u00f3nomo. As\u00ed, el art\u00edculo 2\u00b0 reitera el \u00a0 car\u00e1cter\u00a0iusfundamental\u00a0del \u00a0 derecho a la salud indicando que es aut\u00f3nomo e irrenunciable en lo individual y \u00a0 colectivo. Todas las prestaciones en salud est\u00e1n cubiertas por el nuevo Plan de \u00a0 Beneficios, salvo las que expresamente est\u00e9n excluidas; as\u00ed pues, ...<br \/><div class=\"pt-cv-rmwrap\"><a href=\"https:\/\/www.dmsjuridica.com\/buscador_20179478954\/corteconstitucionalcronologico202454587\/t-215-18\/\" class=\"_self pt-cv-readmore btn btn-success\" target=\"_self\">Ver Sentencia Completa...<\/a><\/div><\/div><\/div><\/div>\n<div class=\"col-md-12 col-sm-12 col-xs-12 pt-cv-content-item pt-cv-1-col\" ><div class='pt-cv-ifield'><a href=\"https:\/\/www.dmsjuridica.com\/buscador_20179478954\/corteconstitucionalcronologico202454587\/t-214-18\/\" class=\"_self pt-cv-href-thumbnail pt-cv-thumb-default\" target=\"_self\" ><\/a>\n<div class=\"pt-cv-taxoterm above_title\"><a href='https:\/\/www.dmsjuridica.com\/buscador_20179478954\/corteconstitucionalcronologico202454587\/category\/buscar-en-toda-la-corte\/2018\/tutelas-2018\/' title='Tutelas 2018' class='pt-cv-tax-tutelas-2018'>Tutelas 2018<\/a><\/div>\n<h4 class=\"pt-cv-title\"><a href=\"https:\/\/www.dmsjuridica.com\/buscador_20179478954\/corteconstitucionalcronologico202454587\/t-214-18\/\" class=\"_self\" target=\"_self\" >T-214-18<\/a><\/h4>\n<div class=\"pt-cv-content\">\u00a0 \u00a0 \u00a0 \u00a0 \u00a0T-214-18 \u00a0 \u00a0 \u00a0 \u00a0 \u00a0 \u00a0\u00a0 Sentencia \u00a0 T-214\/18 \u00a0 \u00a0 ACCION DE TUTELA CONTRA PROVIDENCIAS JUDICIALES-Reiteraci\u00f3n de jurisprudencia sobre procedencia excepcional\u00a0 \u00a0 \u00a0 ACCION DE TUTELA CONTRA PROVIDENCIAS JUDICIALES-Requisitos generales y especiales de procedibilidad \u00a0 \u00a0 DEFECTO SUSTANTIVO COMO CAUSAL ESPECIFICA DE PROCEDIBILIDAD DE LA \u00a0 ACCION DE TUTELA CONTRA PROVIDENCIAS JUDICIALES-Reiteraci\u00f3n de jurisprudencia \u00a0 \u00a0 Mediante reiterada jurisprudencia de esta Corporaci\u00f3n se ha establecido que \u00a0 una decisi\u00f3n judicial adolece de defecto material o sustantivo cuando \u201cla \u00a0 decisi\u00f3n que toma el juez desborda el marco de acci\u00f3n que la Constituci\u00f3n y la ...<br \/><div class=\"pt-cv-rmwrap\"><a href=\"https:\/\/www.dmsjuridica.com\/buscador_20179478954\/corteconstitucionalcronologico202454587\/t-214-18\/\" class=\"_self pt-cv-readmore btn btn-success\" target=\"_self\">Ver Sentencia Completa...<\/a><\/div><\/div><\/div><\/div>\n<div class=\"col-md-12 col-sm-12 col-xs-12 pt-cv-content-item pt-cv-1-col\" ><div class='pt-cv-ifield'><a href=\"https:\/\/www.dmsjuridica.com\/buscador_20179478954\/corteconstitucionalcronologico202454587\/t-213-18\/\" class=\"_self pt-cv-href-thumbnail pt-cv-thumb-default\" target=\"_self\" ><\/a>\n<div class=\"pt-cv-taxoterm above_title\"><a href='https:\/\/www.dmsjuridica.com\/buscador_20179478954\/corteconstitucionalcronologico202454587\/category\/buscar-en-toda-la-corte\/2018\/tutelas-2018\/' title='Tutelas 2018' class='pt-cv-tax-tutelas-2018'>Tutelas 2018<\/a><\/div>\n<h4 class=\"pt-cv-title\"><a href=\"https:\/\/www.dmsjuridica.com\/buscador_20179478954\/corteconstitucionalcronologico202454587\/t-213-18\/\" class=\"_self\" target=\"_self\" >T-213-18<\/a><\/h4>\n<div class=\"pt-cv-content\">\u00a0 \u00a0 \u00a0 \u00a0 \u00a0T-213-18 \u00a0 \u00a0 \u00a0 \u00a0 \u00a0 \u00a0\u00a0 Sentencia T-213\/18 \u00a0 \u00a0 LIBERTAD RELIGIOSA Y DE CULTOS EN LOS CENTROS CARCELARIOS-Caso en que \u00a0 Establecimiento Penitenciario le niega a recluso el porte de barba y cabello \u00a0 largo, como c\u00f3digo de presentaci\u00f3n personal impuesto por la religi\u00f3n que \u00a0 profesa: el vud\u00fa \u00a0 \u00a0 ACCION DE TUTELA PARA PROTEGER DERECHO A LA LIBERTAD RELIGIOSA Y DE CULTOS \u00a0 DE PERSONAS PRIVADAS DE LA LIBERTAD-Procedencia \u00a0 \u00a0 CARENCIA ACTUAL DE OBJETO-Fen\u00f3meno que se configura en los \u00a0 siguientes eventos: hecho superado, da\u00f1o consumado o situaci\u00f3n sobreviniente \u00a0 \u00a0 ...<br \/><div class=\"pt-cv-rmwrap\"><a href=\"https:\/\/www.dmsjuridica.com\/buscador_20179478954\/corteconstitucionalcronologico202454587\/t-213-18\/\" class=\"_self pt-cv-readmore btn btn-success\" target=\"_self\">Ver Sentencia Completa...<\/a><\/div><\/div><\/div><\/div>\n<div class=\"col-md-12 col-sm-12 col-xs-12 pt-cv-content-item pt-cv-1-col\" ><div class='pt-cv-ifield'><a href=\"https:\/\/www.dmsjuridica.com\/buscador_20179478954\/corteconstitucionalcronologico202454587\/t-212-18\/\" class=\"_self pt-cv-href-thumbnail pt-cv-thumb-default\" target=\"_self\" ><\/a>\n<div class=\"pt-cv-taxoterm above_title\"><a href='https:\/\/www.dmsjuridica.com\/buscador_20179478954\/corteconstitucionalcronologico202454587\/category\/buscar-en-toda-la-corte\/2018\/tutelas-2018\/' title='Tutelas 2018' class='pt-cv-tax-tutelas-2018'>Tutelas 2018<\/a><\/div>\n<h4 class=\"pt-cv-title\"><a href=\"https:\/\/www.dmsjuridica.com\/buscador_20179478954\/corteconstitucionalcronologico202454587\/t-212-18\/\" class=\"_self\" target=\"_self\" >T-212-18<\/a><\/h4>\n<div class=\"pt-cv-content\">\u00a0 \u00a0 \u00a0 \u00a0 \u00a0T-212-18 \u00a0 \u00a0 \u00a0 \u00a0 \u00a0 \u00a0\u00a0 Sentencia T-212\/18 \u00a0 \u00a0 ACCION DE TUTELA CONTRA PROVIDENCIAS JUDICIALES-Reiteraci\u00f3n de jurisprudencia \u00a0 sobre procedencia excepcional\u00a0 \u00a0 \u00a0 UNIFICACION DE JURISPRUDENCIA EN MATERIA DE \u00a0 PROCEDENCIA Y LEGITIMIDAD DE LA UGPP PARA INTERPONER RECURSO DE REVISION \u00a0 \u00a0 UNIFICACION DE JURISPRUDENCIA EN MATERIA DE PROCEDENCIA Y \u00a0 LEGITIMIDAD DE LA UGPP PARA INTERPONER RECURSO DE REVISION-Para controvertir decisiones \u00a0 judiciales que han reconocido y reliquidado pensiones con palmario abuso del \u00a0 derecho, seg\u00fan art. 20 de la ley 797 de 2003 \u00a0 \u00a0 PENSIONES ADQUIRIDAS CON ABUSO DEL DERECHO-Criterios ...<br \/><div class=\"pt-cv-rmwrap\"><a href=\"https:\/\/www.dmsjuridica.com\/buscador_20179478954\/corteconstitucionalcronologico202454587\/t-212-18\/\" class=\"_self pt-cv-readmore btn btn-success\" target=\"_self\">Ver Sentencia Completa...<\/a><\/div><\/div><\/div><\/div>\n<div class=\"col-md-12 col-sm-12 col-xs-12 pt-cv-content-item pt-cv-1-col\" ><div class='pt-cv-ifield'><a href=\"https:\/\/www.dmsjuridica.com\/buscador_20179478954\/corteconstitucionalcronologico202454587\/t-211-18\/\" class=\"_self pt-cv-href-thumbnail pt-cv-thumb-default\" target=\"_self\" ><\/a>\n<div class=\"pt-cv-taxoterm above_title\"><a href='https:\/\/www.dmsjuridica.com\/buscador_20179478954\/corteconstitucionalcronologico202454587\/category\/buscar-en-toda-la-corte\/2018\/tutelas-2018\/' title='Tutelas 2018' class='pt-cv-tax-tutelas-2018'>Tutelas 2018<\/a><\/div>\n<h4 class=\"pt-cv-title\"><a href=\"https:\/\/www.dmsjuridica.com\/buscador_20179478954\/corteconstitucionalcronologico202454587\/t-211-18\/\" class=\"_self\" target=\"_self\" >T-211-18<\/a><\/h4>\n<div class=\"pt-cv-content\">\u00a0 \u00a0 \u00a0 \u00a0 \u00a0T-211-18 \u00a0 \u00a0 \u00a0 \u00a0 \u00a0 \u00a0\u00a0 Sentencia T-211\/18 \u00a0 \u00a0 ACCION DE TUTELA CONTRA PROVIDENCIAS JUDICIALES-Reiteraci\u00f3n de jurisprudencia sobre procedencia excepcional\u00a0 \u00a0 \u00a0 ACCION DE TUTELA CONTRA PROVIDENCIAS JUDICIALES-Requisitos generales y especiales de procedibilidad \u00a0 \u00a0 CARACTERIZACION DEL DEFECTO POR DESCONOCIMIENTO DEL PRECEDENTE \u00a0 JUDICIAL \u00a0 \u00a0 PRECEDENTE JUDICIAL HORIZONTAL Y VERTICAL-Alcance y car\u00e1cter vinculante \u00a0 \u00a0 SEPARACION DEL PRECEDENTE-El funcionario judicial puede apartarse de su propio precedente o del \u00a0 precedente resuelto por el superior jer\u00e1rquico, siempre y cuando explique de \u00a0 manera expresa, amplia y suficiente las razones por las que modifica su ...<br \/><div class=\"pt-cv-rmwrap\"><a href=\"https:\/\/www.dmsjuridica.com\/buscador_20179478954\/corteconstitucionalcronologico202454587\/t-211-18\/\" class=\"_self pt-cv-readmore btn btn-success\" target=\"_self\">Ver Sentencia Completa...<\/a><\/div><\/div><\/div><\/div>\n<div class=\"col-md-12 col-sm-12 col-xs-12 pt-cv-content-item pt-cv-1-col\" ><div class='pt-cv-ifield'><a href=\"https:\/\/www.dmsjuridica.com\/buscador_20179478954\/corteconstitucionalcronologico202454587\/t-210-18\/\" class=\"_self pt-cv-href-thumbnail pt-cv-thumb-default\" target=\"_self\" ><\/a>\n<div class=\"pt-cv-taxoterm above_title\"><a href='https:\/\/www.dmsjuridica.com\/buscador_20179478954\/corteconstitucionalcronologico202454587\/category\/buscar-en-toda-la-corte\/2018\/tutelas-2018\/' title='Tutelas 2018' class='pt-cv-tax-tutelas-2018'>Tutelas 2018<\/a><\/div>\n<h4 class=\"pt-cv-title\"><a href=\"https:\/\/www.dmsjuridica.com\/buscador_20179478954\/corteconstitucionalcronologico202454587\/t-210-18\/\" class=\"_self\" target=\"_self\" >T-210-18<\/a><\/h4>\n<div class=\"pt-cv-content\">\u00a0Sentencia T-210\/18 \u00a0 \u00a0 PRINCIPIO DE UNIVERSALIDAD DEL \u00a0 SERVICIO DE SALUD-Cobertura para los residentes en todo el \u00a0 territorio nacional \u00a0 \u00a0 ATENCION INICIAL DE URGENCIAS-Finalidad \u00a0 y elementos \u00a0 \u00a0 La \u00a0 normativa que regula prestaci\u00f3n de los servicios de salud consagra la \u2018atenci\u00f3n \u00a0 inicial de urgencias\u2019 obligatoria en cualquier IPS del pa\u00eds como una garant\u00eda \u00a0 fundamental de todas las personas. En este sentido, el art\u00edculo 168 de la Ley \u00a0 100 de 1993, reiterado por el art\u00edculo 67 de la Ley 715 de 2001. La normativa \u00a0 advierte que el incumplimiento de esta disposici\u00f3n ser\u00e1 ...<br \/><div class=\"pt-cv-rmwrap\"><a href=\"https:\/\/www.dmsjuridica.com\/buscador_20179478954\/corteconstitucionalcronologico202454587\/t-210-18\/\" class=\"_self pt-cv-readmore btn btn-success\" target=\"_self\">Ver Sentencia Completa...<\/a><\/div><\/div><\/div><\/div>\n<div class=\"col-md-12 col-sm-12 col-xs-12 pt-cv-content-item pt-cv-1-col\" ><div class='pt-cv-ifield'><a href=\"https:\/\/www.dmsjuridica.com\/buscador_20179478954\/corteconstitucionalcronologico202454587\/t-209a-18\/\" class=\"_self pt-cv-href-thumbnail pt-cv-thumb-default\" target=\"_self\" ><\/a>\n<div class=\"pt-cv-taxoterm above_title\"><a href='https:\/\/www.dmsjuridica.com\/buscador_20179478954\/corteconstitucionalcronologico202454587\/category\/buscar-en-toda-la-corte\/2018\/tutelas-2018\/' title='Tutelas 2018' class='pt-cv-tax-tutelas-2018'>Tutelas 2018<\/a><\/div>\n<h4 class=\"pt-cv-title\"><a href=\"https:\/\/www.dmsjuridica.com\/buscador_20179478954\/corteconstitucionalcronologico202454587\/t-209a-18\/\" class=\"_self\" target=\"_self\" >T-209A-18<\/a><\/h4>\n<div class=\"pt-cv-content\">\u00a0 \u00a0 \u00a0 \u00a0 \u00a0T-209A-18 \u00a0 \u00a0 \u00a0 \u00a0 \u00a0 \u00a0\u00a0 Sentencia T-209A\/18 \u00a0 \u00a0 ACCION DE TUTELA PARA RECLAMAR \u00a0 EL RECONOCIMIENTO Y PAGO DE LA PRESTACION HUMANITARIA PERIODICA PARA VICTIMAS \u00a0 DEL CONFLICTO ARMADO-Procedencia excepcional \u00a0 \u00a0 PRESTACION HUMANITARIA \u00a0 PERIODICA PARA VICTIMAS DEL CONFLICTO ARMADO-Evoluci\u00f3n normativa \u00a0 \u00a0 PRESTACION HUMANITARIA \u00a0 PERIODICA PARA VICTIMAS DEL CONFLICTO ARMADO-Requisitos \u00a0 \u00a0 El Decreto \u00a0 600 de 6 de abril de 2017 expedido por el Ministerio de Trabajo, reglament\u00f3 la \u00a0 prestaci\u00f3n humanitaria peri\u00f3dica para las v\u00edctimas del conflicto armado y al \u00a0 hacerlo estableci\u00f3 en el art\u00edculo 2.2.9.5.3., los ...<br \/><div class=\"pt-cv-rmwrap\"><a href=\"https:\/\/www.dmsjuridica.com\/buscador_20179478954\/corteconstitucionalcronologico202454587\/t-209a-18\/\" class=\"_self pt-cv-readmore btn btn-success\" target=\"_self\">Ver Sentencia Completa...<\/a><\/div><\/div><\/div><\/div>\n<div class=\"col-md-12 col-sm-12 col-xs-12 pt-cv-content-item pt-cv-1-col\" ><div class='pt-cv-ifield'><a href=\"https:\/\/www.dmsjuridica.com\/buscador_20179478954\/corteconstitucionalcronologico202454587\/t-209-18\/\" class=\"_self pt-cv-href-thumbnail pt-cv-thumb-default\" target=\"_self\" ><\/a>\n<div class=\"pt-cv-taxoterm above_title\"><a href='https:\/\/www.dmsjuridica.com\/buscador_20179478954\/corteconstitucionalcronologico202454587\/category\/buscar-en-toda-la-corte\/2018\/tutelas-2018\/' title='Tutelas 2018' class='pt-cv-tax-tutelas-2018'>Tutelas 2018<\/a><\/div>\n<h4 class=\"pt-cv-title\"><a href=\"https:\/\/www.dmsjuridica.com\/buscador_20179478954\/corteconstitucionalcronologico202454587\/t-209-18\/\" class=\"_self\" target=\"_self\" >T-209-18<\/a><\/h4>\n<div class=\"pt-cv-content\">\u00a0 \u00a0 \u00a0 \u00a0 \u00a0T-209-18 \u00a0 \u00a0 \u00a0 \u00a0 \u00a0 \u00a0\u00a0 Sentencia T-209\/18 \u00a0 \u00a0 CARENCIA ACTUAL DE OBJETO-Configuraci\u00f3n y caracter\u00edsticas \u00a0 \u00a0 CARENCIA ACTUAL DE OBJETO-Fen\u00f3meno que se configura en los siguientes eventos: hecho superado, da\u00f1o \u00a0 consumado o situaci\u00f3n sobreviniente \u00a0 \u00a0 CARENCIA ACTUAL DE OBJETO POR HECHO SUPERADO-Se cancelaron los salarios adeudados a accionante y no hubo reporte en \u00a0 Datacr\u00e9dito \u00a0 \u00a0 Referencia: Expediente T-6.472.884 \u00a0 \u00a0 Acci\u00f3n de tutela formulada \u00a0 por V\u00edctor Hugo Ocoro Qui\u00f1ones contra la Terminal de Transportes de \u00a0 Buenaventura, la Cooperativa de Servidores P\u00fablicos y Jubilados de Colombia \u00a0 \u2212COOPSERP ...<br \/><div class=\"pt-cv-rmwrap\"><a href=\"https:\/\/www.dmsjuridica.com\/buscador_20179478954\/corteconstitucionalcronologico202454587\/t-209-18\/\" class=\"_self pt-cv-readmore btn btn-success\" target=\"_self\">Ver Sentencia Completa...<\/a><\/div><\/div><\/div><\/div>\n<div class=\"col-md-12 col-sm-12 col-xs-12 pt-cv-content-item pt-cv-1-col\" ><div class='pt-cv-ifield'><a href=\"https:\/\/www.dmsjuridica.com\/buscador_20179478954\/corteconstitucionalcronologico202454587\/t-208a-18\/\" class=\"_self pt-cv-href-thumbnail pt-cv-thumb-default\" target=\"_self\" ><\/a>\n<div class=\"pt-cv-taxoterm above_title\"><a href='https:\/\/www.dmsjuridica.com\/buscador_20179478954\/corteconstitucionalcronologico202454587\/category\/buscar-en-toda-la-corte\/2018\/tutelas-2018\/' title='Tutelas 2018' class='pt-cv-tax-tutelas-2018'>Tutelas 2018<\/a><\/div>\n<h4 class=\"pt-cv-title\"><a href=\"https:\/\/www.dmsjuridica.com\/buscador_20179478954\/corteconstitucionalcronologico202454587\/t-208a-18\/\" class=\"_self\" target=\"_self\" >T-208A-18<\/a><\/h4>\n<div class=\"pt-cv-content\">\u00a0 \u00a0 \u00a0 \u00a0 \u00a0T-208A-18 \u00a0 \u00a0 \u00a0 \u00a0 \u00a0 \u00a0\u00a0 Sentencia T-208A\/18 \u00a0 \u00a0 ACCION DE TUTELA CONTRA PROVIDENCIAS JUDICIALES-Procedencia \u00a0 excepcional \u00a0 \u00a0 ACCION DE TUTELA CONTRA PROVIDENCIAS JUDICIALES-Requisitos generales \u00a0 y especiales de procedibilidad \u00a0 \u00a0 DEFECTO SUSTANTIVO COMO CAUSAL ESPECIFICA DE PROCEDIBILIDAD DE LA ACCION DE \u00a0 TUTELA CONTRA PROVIDENCIAS JUDICIALES-Reiteraci\u00f3n de jurisprudencia \u00a0 \u00a0 El defecto sustantivo se origina\u00a0cuando la providencia cuestionada se fundamenta en una disposici\u00f3n \u00a0 inaplicable para el caso analizado, bien porque perdi\u00f3 vigencia, porque es \u00a0 inconstitucional, o porque no guarda conexidad material con los supuestos de \u00a0 hecho que provocaron ...<br \/><div class=\"pt-cv-rmwrap\"><a href=\"https:\/\/www.dmsjuridica.com\/buscador_20179478954\/corteconstitucionalcronologico202454587\/t-208a-18\/\" class=\"_self pt-cv-readmore btn btn-success\" target=\"_self\">Ver Sentencia Completa...<\/a><\/div><\/div><\/div><\/div>\n<div class=\"col-md-12 col-sm-12 col-xs-12 pt-cv-content-item pt-cv-1-col\" ><div class='pt-cv-ifield'><a href=\"https:\/\/www.dmsjuridica.com\/buscador_20179478954\/corteconstitucionalcronologico202454587\/t-208-18\/\" class=\"_self pt-cv-href-thumbnail pt-cv-thumb-default\" target=\"_self\" ><\/a>\n<div class=\"pt-cv-taxoterm above_title\"><a href='https:\/\/www.dmsjuridica.com\/buscador_20179478954\/corteconstitucionalcronologico202454587\/category\/buscar-en-toda-la-corte\/2018\/tutelas-2018\/' title='Tutelas 2018' class='pt-cv-tax-tutelas-2018'>Tutelas 2018<\/a><\/div>\n<h4 class=\"pt-cv-title\"><a href=\"https:\/\/www.dmsjuridica.com\/buscador_20179478954\/corteconstitucionalcronologico202454587\/t-208-18\/\" class=\"_self\" target=\"_self\" >T-208-18<\/a><\/h4>\n<div class=\"pt-cv-content\">\u00a0 \u00a0 \u00a0 \u00a0 \u00a0T-208-18 \u00a0 \u00a0 \u00a0 \u00a0 \u00a0 \u00a0\u00a0 Sentencia T-208\/18 \u00a0 \u00a0 PRINCIPIO DE SUBSIDIARIEDAD DE \u00a0 LA ACCION DE TUTELA-Juez debe verificar si ante la existencia de otro \u00a0 medio de defensa judicial, \u00e9ste es eficaz e id\u00f3neo \u00a0 \u00a0 ESPECIAL PROTECCION DEL GOCE \u00a0 EFECTIVO DE LOS DERECHOS FUNDAMENTALES DE LAS PERSONAS PRIVADAS DE LA LIBERTAD \u00a0 \u00a0 ACCION DE TUTELA PARA SOLICITAR \u00a0 PROTECCION DEL DERECHO AL AGUA-Procedencia \u00a0 \u00a0 RELACIONES DE \u00a0 ESPECIAL SUJECION ENTRE LOS INTERNOS Y EL ESTADO-Respeto por la \u00a0 dignidad humana de personas privadas de la libertad \u00a0 \u00a0 ...<br \/><div class=\"pt-cv-rmwrap\"><a href=\"https:\/\/www.dmsjuridica.com\/buscador_20179478954\/corteconstitucionalcronologico202454587\/t-208-18\/\" class=\"_self pt-cv-readmore btn btn-success\" target=\"_self\">Ver Sentencia Completa...<\/a><\/div><\/div><\/div><\/div>\n<div class=\"col-md-12 col-sm-12 col-xs-12 pt-cv-content-item pt-cv-1-col\" ><div class='pt-cv-ifield'><a href=\"https:\/\/www.dmsjuridica.com\/buscador_20179478954\/corteconstitucionalcronologico202454587\/t-207a-18\/\" class=\"_self pt-cv-href-thumbnail pt-cv-thumb-default\" target=\"_self\" ><\/a>\n<div class=\"pt-cv-taxoterm above_title\"><a href='https:\/\/www.dmsjuridica.com\/buscador_20179478954\/corteconstitucionalcronologico202454587\/category\/buscar-en-toda-la-corte\/2018\/tutelas-2018\/' title='Tutelas 2018' class='pt-cv-tax-tutelas-2018'>Tutelas 2018<\/a><\/div>\n<h4 class=\"pt-cv-title\"><a href=\"https:\/\/www.dmsjuridica.com\/buscador_20179478954\/corteconstitucionalcronologico202454587\/t-207a-18\/\" class=\"_self\" target=\"_self\" >T-207A-18<\/a><\/h4>\n<div class=\"pt-cv-content\">\u00a0 \u00a0 \u00a0 \u00a0 \u00a0T-207A-18 \u00a0 \u00a0 \u00a0 \u00a0 \u00a0 \u00a0\u00a0 Sentencia T-207A\/18 \u00a0 \u00a0 PRINCIPIO DE \u00a0 SUBSIDIARIEDAD DE LA ACCION DE TUTELA-Juez debe verificar si ante la existencia de otro \u00a0 medio de defensa judicial, \u00e9ste es eficaz e id\u00f3neo \u00a0 \u00a0 ACCION DE TUTELA PARA SOLICITAR RECONSTRUCCION DE HISTORIA LABORAL A EFECTOS DE \u00a0 RECLAMAR PENSION DE VEJEZ-Procedencia \u00a0 excepcional \u00a0 \u00a0 DEBER DE CONSERVACION DE ARCHIVOS-Obligaci\u00f3n \u00a0 de las empresas de guardar la historia laboral de sus trabajadores \u00a0 \u00a0 ACCION DE TUTELA PARA EL RECONOCIMIENTO DE INDEMNIZACION SUSTITUTIVA DE PENSION \u00a0 DE VEJEZ-Procedencia cuando \u00a0 ...<br \/><div class=\"pt-cv-rmwrap\"><a href=\"https:\/\/www.dmsjuridica.com\/buscador_20179478954\/corteconstitucionalcronologico202454587\/t-207a-18\/\" class=\"_self pt-cv-readmore btn btn-success\" target=\"_self\">Ver Sentencia Completa...<\/a><\/div><\/div><\/div><\/div>\n<div class=\"col-md-12 col-sm-12 col-xs-12 pt-cv-content-item pt-cv-1-col\" ><div class='pt-cv-ifield'><a href=\"https:\/\/www.dmsjuridica.com\/buscador_20179478954\/corteconstitucionalcronologico202454587\/t-207-18\/\" class=\"_self pt-cv-href-thumbnail pt-cv-thumb-default\" target=\"_self\" ><\/a>\n<div class=\"pt-cv-taxoterm above_title\"><a href='https:\/\/www.dmsjuridica.com\/buscador_20179478954\/corteconstitucionalcronologico202454587\/category\/buscar-en-toda-la-corte\/2018\/tutelas-2018\/' title='Tutelas 2018' class='pt-cv-tax-tutelas-2018'>Tutelas 2018<\/a><\/div>\n<h4 class=\"pt-cv-title\"><a href=\"https:\/\/www.dmsjuridica.com\/buscador_20179478954\/corteconstitucionalcronologico202454587\/t-207-18\/\" class=\"_self\" target=\"_self\" >T-207-18<\/a><\/h4>\n<div class=\"pt-cv-content\">\u00a0 \u00a0 \u00a0 \u00a0 \u00a0T-207-18 \u00a0 \u00a0 \u00a0 \u00a0 \u00a0 \u00a0\u00a0 Sentencia T-207\/18 \u00a0 \u00a0 LEGITIMACION POR ACTIVA EN TUTELA-Padres en representaci\u00f3n de hijos menores de edad \u00a0 \u00a0 LEGITIMACION POR ACTIVA EN TUTELA-Persona natural que act\u00faa en defensa de sus \u00a0 propios intereses \u00a0 \u00a0 LEGITIMACION POR \u00a0 PASIVA EN TUTELA-Autoridad p\u00fablica \u00a0 \u00a0 PRINCIPIO DE SUBSIDIARIEDAD DE LA ACCION DE TUTELA-Juez debe verificar \u00a0 si ante la existencia de otro medio de defensa judicial, \u00e9ste es eficaz e id\u00f3neo \u00a0 \u00a0 PERJUICIO IRREMEDIABLE-Caracter\u00edsticas \u00a0 \u00a0 PRINCIPIO DE INMEDIATEZ EN ACCION DE TUTELA-Reglas generales \u00a0 \u00a0 EDUCACION-Derecho \u00a0 y ...<br \/><div class=\"pt-cv-rmwrap\"><a href=\"https:\/\/www.dmsjuridica.com\/buscador_20179478954\/corteconstitucionalcronologico202454587\/t-207-18\/\" class=\"_self pt-cv-readmore btn btn-success\" target=\"_self\">Ver Sentencia Completa...<\/a><\/div><\/div><\/div><\/div>\n<div class=\"col-md-12 col-sm-12 col-xs-12 pt-cv-content-item pt-cv-1-col\" ><div class='pt-cv-ifield'><a href=\"https:\/\/www.dmsjuridica.com\/buscador_20179478954\/corteconstitucionalcronologico202454587\/t-206a-18\/\" class=\"_self pt-cv-href-thumbnail pt-cv-thumb-default\" target=\"_self\" ><\/a>\n<div class=\"pt-cv-taxoterm above_title\"><a href='https:\/\/www.dmsjuridica.com\/buscador_20179478954\/corteconstitucionalcronologico202454587\/category\/buscar-en-toda-la-corte\/2018\/tutelas-2018\/' title='Tutelas 2018' class='pt-cv-tax-tutelas-2018'>Tutelas 2018<\/a><\/div>\n<h4 class=\"pt-cv-title\"><a href=\"https:\/\/www.dmsjuridica.com\/buscador_20179478954\/corteconstitucionalcronologico202454587\/t-206a-18\/\" class=\"_self\" target=\"_self\" >T-206A-18<\/a><\/h4>\n<div class=\"pt-cv-content\">\u00a0 \u00a0 \u00a0 \u00a0 \u00a0T-206A-18 \u00a0 \u00a0 \u00a0 \u00a0 \u00a0 \u00a0\u00a0 Sentencia T-206A\/18 \u00a0 \u00a0 ACCION DE TUTELA \u00a0 CONTRA EMPRESA DE ENERGIA ELECTRICA-Improcedencia para \u00a0 reclamar cobros de consumo de energ\u00eda dejados de facturar, por existir otro \u00a0 medio de defensa judicial y no acreditar perjuicio irremediable \u00a0 \u00a0 La Sala Quinta de Revisi\u00f3n declarar\u00e1 \u00a0 la improcedencia de las acciones de tutela formuladas dentro los expedientes \u00a0 acumulados T-6.496.241 y T-6.496.242, \u00a0conclusi\u00f3n a la que se \u00a0arrib\u00f3 en virtud \u00a0 de que en ninguno de los asuntos bajo estudio se cumpli\u00f3 el requisito de \u00a0 subsidiariedad, toda vez ...<br \/><div class=\"pt-cv-rmwrap\"><a href=\"https:\/\/www.dmsjuridica.com\/buscador_20179478954\/corteconstitucionalcronologico202454587\/t-206a-18\/\" class=\"_self pt-cv-readmore btn btn-success\" target=\"_self\">Ver Sentencia Completa...<\/a><\/div><\/div><\/div><\/div>\n<div class=\"col-md-12 col-sm-12 col-xs-12 pt-cv-content-item pt-cv-1-col\" ><div class='pt-cv-ifield'><a href=\"https:\/\/www.dmsjuridica.com\/buscador_20179478954\/corteconstitucionalcronologico202454587\/t-206-18\/\" class=\"_self pt-cv-href-thumbnail pt-cv-thumb-default\" target=\"_self\" ><\/a>\n<div class=\"pt-cv-taxoterm above_title\"><a href='https:\/\/www.dmsjuridica.com\/buscador_20179478954\/corteconstitucionalcronologico202454587\/category\/buscar-en-toda-la-corte\/2018\/tutelas-2018\/' title='Tutelas 2018' class='pt-cv-tax-tutelas-2018'>Tutelas 2018<\/a><\/div>\n<h4 class=\"pt-cv-title\"><a href=\"https:\/\/www.dmsjuridica.com\/buscador_20179478954\/corteconstitucionalcronologico202454587\/t-206-18\/\" class=\"_self\" target=\"_self\" >T-206-18<\/a><\/h4>\n<div class=\"pt-cv-content\">\u00a0 \u00a0 \u00a0 \u00a0 \u00a0T-206-18 \u00a0 \u00a0 \u00a0 \u00a0 \u00a0 \u00a0\u00a0 Sentencia T-206\/18 \u00a0 \u00a0 ACCION DE TUTELA EN MATERIA DE \u00a0 DERECHO DE PETICION-Procedencia de manera directa por ser derecho \u00a0 fundamental de aplicaci\u00f3n inmediata \u00a0 \u00a0 Este Tribunal ha considerado que la acci\u00f3n de tutela es el \u00a0 mecanismo procedente para determinar la violaci\u00f3n del derecho de petici\u00f3n. En \u00a0 esa direcci\u00f3n, la sentencia T-084 de 2015 sostuvo que \u201cla \u00a0 tutela es un mecanismo id\u00f3neo para proteger el derecho de petici\u00f3n de los \u00a0 administrados, toda vez que por medio del mismo se accede a muchos otros ...<br \/><div class=\"pt-cv-rmwrap\"><a href=\"https:\/\/www.dmsjuridica.com\/buscador_20179478954\/corteconstitucionalcronologico202454587\/t-206-18\/\" class=\"_self pt-cv-readmore btn btn-success\" target=\"_self\">Ver Sentencia Completa...<\/a><\/div><\/div><\/div><\/div>\n<div class=\"col-md-12 col-sm-12 col-xs-12 pt-cv-content-item pt-cv-1-col\" ><div class='pt-cv-ifield'><a href=\"https:\/\/www.dmsjuridica.com\/buscador_20179478954\/corteconstitucionalcronologico202454587\/t-205a-18\/\" class=\"_self pt-cv-href-thumbnail pt-cv-thumb-default\" target=\"_self\" ><\/a>\n<div class=\"pt-cv-taxoterm above_title\"><a href='https:\/\/www.dmsjuridica.com\/buscador_20179478954\/corteconstitucionalcronologico202454587\/category\/buscar-en-toda-la-corte\/2018\/tutelas-2018\/' title='Tutelas 2018' class='pt-cv-tax-tutelas-2018'>Tutelas 2018<\/a><\/div>\n<h4 class=\"pt-cv-title\"><a href=\"https:\/\/www.dmsjuridica.com\/buscador_20179478954\/corteconstitucionalcronologico202454587\/t-205a-18\/\" class=\"_self\" target=\"_self\" >T-205A-18<\/a><\/h4>\n<div class=\"pt-cv-content\">\u00a0 \u00a0 \u00a0 \u00a0 \u00a0T-205A-18 \u00a0 \u00a0 \u00a0 \u00a0 \u00a0 \u00a0\u00a0 Sentencia \u00a0 T-205A\/18 \u00a0 \u00a0 ACCION DE TUTELA PARA SOLICITAR MEDIDAS ESPECIALES Y EXPEDITAS \u00a0 DE PREVENCION Y PROTECCION DE DEFENSOR DE DERECHOS HUMANOS-Procedencia \u00a0 \u00a0 CARENCIA ACTUAL DE OBJETO-Configuraci\u00f3n y caracter\u00edsticas \u00a0 \u00a0 CARENCIA ACTUAL DE OBJETO-Fen\u00f3meno que se configura en los siguientes eventos: hecho superado, \u00a0 da\u00f1o consumado o situaci\u00f3n sobreviniente \u00a0 \u00a0 CARENCIA ACTUAL DE OBJETO POR HECHO SUPERADO-Se dio respuesta a accionante en relaci\u00f3n con solicitud de \u00a0 medidas especiales y expeditas de prevenci\u00f3n y protecci\u00f3n \u00a0 \u00a0 CARENCIA ACTUAL DE OBJETO \u00a0 POR DA\u00d1O ...<br \/><div class=\"pt-cv-rmwrap\"><a href=\"https:\/\/www.dmsjuridica.com\/buscador_20179478954\/corteconstitucionalcronologico202454587\/t-205a-18\/\" class=\"_self pt-cv-readmore btn btn-success\" target=\"_self\">Ver Sentencia Completa...<\/a><\/div><\/div><\/div><\/div>\n<div class=\"col-md-12 col-sm-12 col-xs-12 pt-cv-content-item pt-cv-1-col\" ><div class='pt-cv-ifield'><a href=\"https:\/\/www.dmsjuridica.com\/buscador_20179478954\/corteconstitucionalcronologico202454587\/t-205-18\/\" class=\"_self pt-cv-href-thumbnail pt-cv-thumb-default\" target=\"_self\" ><\/a>\n<div class=\"pt-cv-taxoterm above_title\"><a href='https:\/\/www.dmsjuridica.com\/buscador_20179478954\/corteconstitucionalcronologico202454587\/category\/buscar-en-toda-la-corte\/2018\/tutelas-2018\/' title='Tutelas 2018' class='pt-cv-tax-tutelas-2018'>Tutelas 2018<\/a><\/div>\n<h4 class=\"pt-cv-title\"><a href=\"https:\/\/www.dmsjuridica.com\/buscador_20179478954\/corteconstitucionalcronologico202454587\/t-205-18\/\" class=\"_self\" target=\"_self\" >T-205-18<\/a><\/h4>\n<div class=\"pt-cv-content\">\u00a0 \u00a0 \u00a0 \u00a0 \u00a0T-205-18 \u00a0 \u00a0 \u00a0 \u00a0 \u00a0 \u00a0\u00a0 Sentencia T-205\/18 \u00a0 \u00a0 ACCION DE \u00a0 TUTELA PARA RECONOCIMIENTO DE PENSION ESPECIAL DE VEJEZ POR HIJO EN SITUACION DE \u00a0 DISCAPACIDAD-Procedencia excepcional \u00a0 \u00a0 Respecto de las \u00a0 pretensiones dirigidas a obtener la \u00a0pensi\u00f3n especial de vejez por hijo en \u00a0 situaci\u00f3n de discapacidad, esta Corte ha se\u00f1alado\u00a0que (i) la acci\u00f3n de tutela procede de manera definitiva, pese a \u00a0 la existencia de otros mecanismos judiciales, cuando resulta necesario tomar \u00a0 medidas urgentes para que quien acude a la solicitud de amparo pueda continuar \u00a0 con la manutenci\u00f3n ...<br \/><div class=\"pt-cv-rmwrap\"><a href=\"https:\/\/www.dmsjuridica.com\/buscador_20179478954\/corteconstitucionalcronologico202454587\/t-205-18\/\" class=\"_self pt-cv-readmore btn btn-success\" target=\"_self\">Ver Sentencia Completa...<\/a><\/div><\/div><\/div><\/div>\n<div class=\"col-md-12 col-sm-12 col-xs-12 pt-cv-content-item pt-cv-1-col\" ><div class='pt-cv-ifield'><a href=\"https:\/\/www.dmsjuridica.com\/buscador_20179478954\/corteconstitucionalcronologico202454587\/t-204a-18\/\" class=\"_self pt-cv-href-thumbnail pt-cv-thumb-default\" target=\"_self\" ><\/a>\n<div class=\"pt-cv-taxoterm above_title\"><a href='https:\/\/www.dmsjuridica.com\/buscador_20179478954\/corteconstitucionalcronologico202454587\/category\/buscar-en-toda-la-corte\/2018\/tutelas-2018\/' title='Tutelas 2018' class='pt-cv-tax-tutelas-2018'>Tutelas 2018<\/a><\/div>\n<h4 class=\"pt-cv-title\"><a href=\"https:\/\/www.dmsjuridica.com\/buscador_20179478954\/corteconstitucionalcronologico202454587\/t-204a-18\/\" class=\"_self\" target=\"_self\" >T-204A-18<\/a><\/h4>\n<div class=\"pt-cv-content\">\u00a0 \u00a0 \u00a0 \u00a0 \u00a0T-204A-18 \u00a0 \u00a0 \u00a0 \u00a0 \u00a0 \u00a0\u00a0 Sentencia T-204A\/18 \u00a0 \u00a0 ACCION DE TUTELA \u00a0 CONTRA PROVIDENCIAS JUDICIALES-Procedencia excepcional \u00a0 \u00a0 \u00a0\u00a0\u00a0\u00a0\u00a0\u00a0\u00a0\u00a0\u00a0\u00a0\u00a0\u00a0\u00a0\u00a0\u00a0\u00a0\u00a0\u00a0\u00a0\u00a0\u00a0\u00a0\u00a0\u00a0\u00a0\u00a0\u00a0\u00a0\u00a0\u00a0\u00a0\u00a0\u00a0\u00a0\u00a0\u00a0\u00a0\u00a0\u00a0\u00a0\u00a0\u00a0\u00a0\u00a0\u00a0\u00a0\u00a0\u00a0\u00a0\u00a0\u00a0\u00a0\u00a0\u00a0\u00a0\u00a0\u00a0\u00a0\u00a0\u00a0\u00a0\u00a0\u00a0\u00a0\u00a0\u00a0\u00a0\u00a0\u00a0\u00a0\u00a0\u00a0\u00a0\u00a0\u00a0\u00a0 \u00a0 \u00a0 ACCION DE TUTELA \u00a0 CONTRA PROVIDENCIAS JUDICIALES-Requisitos generales y especiales de \u00a0 procedibilidad\u00a0 \u00a0 \u00a0 CARACTERIZACION DEL DEFECTO \u00a0 PROCEDIMENTAL POR EXCESO RITUAL MANIFIESTO-Reiteraci\u00f3n de jurisprudencia \u00a0 \u00a0 ADOPCION-Finalidad \u00a0 \u00a0 Este Tribunal ha sostenido que la adopci\u00f3n \u201cpersigue el objetivo primordial de \u00a0 garantizar al menor que no puede ser cuidado por sus propios padres, el derecho \u00a0 a integrar de manera permanente e irreversible, un n\u00facleo familiar\u201d. Por tanto, se ...<br \/><div class=\"pt-cv-rmwrap\"><a href=\"https:\/\/www.dmsjuridica.com\/buscador_20179478954\/corteconstitucionalcronologico202454587\/t-204a-18\/\" class=\"_self pt-cv-readmore btn btn-success\" target=\"_self\">Ver Sentencia Completa...<\/a><\/div><\/div><\/div><\/div>\n<div class=\"col-md-12 col-sm-12 col-xs-12 pt-cv-content-item pt-cv-1-col\" ><div class='pt-cv-ifield'><a href=\"https:\/\/www.dmsjuridica.com\/buscador_20179478954\/corteconstitucionalcronologico202454587\/t-204-18\/\" class=\"_self pt-cv-href-thumbnail pt-cv-thumb-default\" target=\"_self\" ><\/a>\n<div class=\"pt-cv-taxoterm above_title\"><a href='https:\/\/www.dmsjuridica.com\/buscador_20179478954\/corteconstitucionalcronologico202454587\/category\/buscar-en-toda-la-corte\/2018\/tutelas-2018\/' title='Tutelas 2018' class='pt-cv-tax-tutelas-2018'>Tutelas 2018<\/a><\/div>\n<h4 class=\"pt-cv-title\"><a href=\"https:\/\/www.dmsjuridica.com\/buscador_20179478954\/corteconstitucionalcronologico202454587\/t-204-18\/\" class=\"_self\" target=\"_self\" >T-204-18<\/a><\/h4>\n<div class=\"pt-cv-content\">\u00a0 \u00a0 \u00a0 \u00a0 \u00a0T-204-18 \u00a0 \u00a0 \u00a0 \u00a0 \u00a0 \u00a0\u00a0 Sentencia T-204\/18 \u00a0 \u00a0 ACCION DE TUTELA CONTRA PROVIDENCIAS JUDICIALES-Procedencia \u00a0 excepcional \u00a0 \u00a0 \u00a0\u00a0\u00a0\u00a0\u00a0\u00a0\u00a0\u00a0\u00a0\u00a0\u00a0\u00a0\u00a0\u00a0\u00a0\u00a0\u00a0\u00a0\u00a0\u00a0\u00a0\u00a0\u00a0\u00a0\u00a0\u00a0\u00a0\u00a0\u00a0\u00a0\u00a0\u00a0\u00a0\u00a0\u00a0\u00a0\u00a0\u00a0\u00a0\u00a0\u00a0\u00a0\u00a0\u00a0\u00a0\u00a0\u00a0\u00a0\u00a0\u00a0\u00a0\u00a0\u00a0\u00a0\u00a0\u00a0\u00a0\u00a0\u00a0\u00a0\u00a0\u00a0\u00a0\u00a0\u00a0\u00a0\u00a0\u00a0\u00a0\u00a0\u00a0\u00a0\u00a0\u00a0\u00a0\u00a0 \u00a0 \u00a0 ACCION DE TUTELA CONTRA PROVIDENCIAS JUDICIALES-Requisitos \u00a0 generales y especiales de procedibilidad\u00a0 \u00a0 \u00a0 DEFECTO SUSTANTIVO COMO CAUSAL ESPECIFICA DE PROCEDIBILIDAD DE LA ACCION DE \u00a0 TUTELA CONTRA PROVIDENCIAS JUDICIALES-Reiteraci\u00f3n de jurisprudencia \u00a0 \u00a0 CARACTERIZACION DEL DEFECTO PROCEDIMENTAL COMO CAUSAL ESPECIFICA DE \u00a0 PROCEDIBILIDAD DE LA ACCION DE TUTELA CONTRA PROVIDENCIAS JUDICIALES \u00a0 \u00a0 PRUEBA TRASLADADA EN EL PROCESO CONTENCIOSO ADMINISTRATIVO-Valoraci\u00f3n \u00a0 \u00a0 Esta Sala de \u00a0 Revisi\u00f3n considera que (i) la ...<br \/><div class=\"pt-cv-rmwrap\"><a href=\"https:\/\/www.dmsjuridica.com\/buscador_20179478954\/corteconstitucionalcronologico202454587\/t-204-18\/\" class=\"_self pt-cv-readmore btn btn-success\" target=\"_self\">Ver Sentencia Completa...<\/a><\/div><\/div><\/div><\/div>\n<div class=\"col-md-12 col-sm-12 col-xs-12 pt-cv-content-item pt-cv-1-col\" ><div class='pt-cv-ifield'><a href=\"https:\/\/www.dmsjuridica.com\/buscador_20179478954\/corteconstitucionalcronologico202454587\/t-203a-18\/\" class=\"_self pt-cv-href-thumbnail pt-cv-thumb-default\" target=\"_self\" ><\/a>\n<div class=\"pt-cv-taxoterm above_title\"><a href='https:\/\/www.dmsjuridica.com\/buscador_20179478954\/corteconstitucionalcronologico202454587\/category\/buscar-en-toda-la-corte\/2018\/tutelas-2018\/' title='Tutelas 2018' class='pt-cv-tax-tutelas-2018'>Tutelas 2018<\/a><\/div>\n<h4 class=\"pt-cv-title\"><a href=\"https:\/\/www.dmsjuridica.com\/buscador_20179478954\/corteconstitucionalcronologico202454587\/t-203a-18\/\" class=\"_self\" target=\"_self\" >T-203A-18<\/a><\/h4>\n<div class=\"pt-cv-content\">\u00a0 \u00a0 \u00a0 \u00a0 \u00a0T-203A-18 \u00a0 \u00a0 \u00a0 \u00a0 \u00a0 \u00a0\u00a0 Sentencia T-203A\/18 \u00a0 \u00a0 ACCION DE TUTELA PARA LA PROTECCION \u00a0 DEL DERECHO A LA VIVIENDA DIGNA-Procedencia \u00a0 \u00a0 DERECHO A LA VIVIENDA DIGNA-Protecci\u00f3n \u00a0 constitucional\u00a0 \u00a0 \u00a0 DERECHO A LA VIVIENDA DIGNA-Reiteraci\u00f3n de jurisprudencia \u00a0 \u00a0 DERECHO A LA VIVIENDA DIGNA-Alcance y contenido \u00a0 \u00a0 DERECHO A LA VIVIENDA \u00a0 DIGNA-Instrumentos internacionales de protecci\u00f3n \u00a0 \u00a0 DERECHO FUNDAMENTAL A LA VIVIENDA \u00a0 DIGNA O ADECUADA-Elementos de asequibilidad y habitabilidad \u00a0 \u00a0 DERECHO A LA SEGURIDAD PERSONAL-Amenaza por \u00a0 circunstancias que afectan el derecho a la vivienda digna, particularmente ...<br \/><div class=\"pt-cv-rmwrap\"><a href=\"https:\/\/www.dmsjuridica.com\/buscador_20179478954\/corteconstitucionalcronologico202454587\/t-203a-18\/\" class=\"_self pt-cv-readmore btn btn-success\" target=\"_self\">Ver Sentencia Completa...<\/a><\/div><\/div><\/div><\/div>\n<div class=\"col-md-12 col-sm-12 col-xs-12 pt-cv-content-item pt-cv-1-col\" ><div class='pt-cv-ifield'><a href=\"https:\/\/www.dmsjuridica.com\/buscador_20179478954\/corteconstitucionalcronologico202454587\/t-203-18\/\" class=\"_self pt-cv-href-thumbnail pt-cv-thumb-default\" target=\"_self\" ><\/a>\n<div class=\"pt-cv-taxoterm above_title\"><a href='https:\/\/www.dmsjuridica.com\/buscador_20179478954\/corteconstitucionalcronologico202454587\/category\/buscar-en-toda-la-corte\/2018\/tutelas-2018\/' title='Tutelas 2018' class='pt-cv-tax-tutelas-2018'>Tutelas 2018<\/a><\/div>\n<h4 class=\"pt-cv-title\"><a href=\"https:\/\/www.dmsjuridica.com\/buscador_20179478954\/corteconstitucionalcronologico202454587\/t-203-18\/\" class=\"_self\" target=\"_self\" >T-203-18<\/a><\/h4>\n<div class=\"pt-cv-content\">\u00a0 \u00a0 \u00a0 \u00a0 \u00a0T-203-18 \u00a0 \u00a0 \u00a0 \u00a0 \u00a0 \u00a0\u00a0 Sentencia T-203\/18 \u00a0 \u00a0 ACCION DE TUTELA PARA RECLAMAR EL \u00a0 RECONOCIMIENTO Y PAGO DE DERECHOS PENSIONALES-Procedencia excepcional \u00a0 \u00a0 ACCION DE TUTELA PARA \u00a0 RECLAMAR PENSION DE SOBREVIVIENTES DE HIJO FALLECIDO-Improcedencia por existir otro medio de defensa judicial \u00a0 \u00a0 \u00a0\u00a0\u00a0\u00a0\u00a0\u00a0\u00a0\u00a0\u00a0\u00a0\u00a0\u00a0\u00a0\u00a0\u00a0\u00a0\u00a0\u00a0\u00a0\u00a0\u00a0\u00a0\u00a0\u00a0\u00a0\u00a0\u00a0\u00a0\u00a0\u00a0\u00a0\u00a0\u00a0\u00a0\u00a0\u00a0\u00a0\u00a0\u00a0\u00a0\u00a0\u00a0\u00a0 \u00a0 \u00a0 Referencia: expediente \u00a0 T-6.410.255 \u00a0 \u00a0 Acci\u00f3n de tutela interpuesta \u00a0 por Andr\u00e9s Libardo Guti\u00e9rrez Vanegas como agente oficioso de la se\u00f1ora Cecilia \u00a0 Cand\u00eda Dur\u00e1n y del se\u00f1or Tito Arcesio Ducuara, contra el Ministerio de Defensa \u00a0 Nacional - Polic\u00eda Nacional. \u00a0 \u00a0 Magistrado ...<br \/><div class=\"pt-cv-rmwrap\"><a href=\"https:\/\/www.dmsjuridica.com\/buscador_20179478954\/corteconstitucionalcronologico202454587\/t-203-18\/\" class=\"_self pt-cv-readmore btn btn-success\" target=\"_self\">Ver Sentencia Completa...<\/a><\/div><\/div><\/div><\/div>\n<div class=\"col-md-12 col-sm-12 col-xs-12 pt-cv-content-item pt-cv-1-col\" ><div class='pt-cv-ifield'><a href=\"https:\/\/www.dmsjuridica.com\/buscador_20179478954\/corteconstitucionalcronologico202454587\/t-202a-18\/\" class=\"_self pt-cv-href-thumbnail pt-cv-thumb-default\" target=\"_self\" ><\/a>\n<div class=\"pt-cv-taxoterm above_title\"><a href='https:\/\/www.dmsjuridica.com\/buscador_20179478954\/corteconstitucionalcronologico202454587\/category\/buscar-en-toda-la-corte\/2018\/tutelas-2018\/' title='Tutelas 2018' class='pt-cv-tax-tutelas-2018'>Tutelas 2018<\/a><\/div>\n<h4 class=\"pt-cv-title\"><a href=\"https:\/\/www.dmsjuridica.com\/buscador_20179478954\/corteconstitucionalcronologico202454587\/t-202a-18\/\" class=\"_self\" target=\"_self\" >T-202A-18<\/a><\/h4>\n<div class=\"pt-cv-content\">\u00a0 \u00a0 \u00a0 \u00a0 \u00a0T-202A-18 \u00a0 \u00a0 \u00a0 \u00a0 \u00a0 \u00a0\u00a0 Sentencia T-202A\/18 \u00a0 \u00a0 AGENCIA OFICIOSA EN TUTELA-Se pueden agenciar \u00a0 derechos ajenos cuando el titular de los mismos no est\u00e9 en condiciones de \u00a0 promover su propia defensa\u00a0 \u00a0 \u00a0 LEGITIMACION \u00a0 POR ACTIVA EN TUTELA-Persona natural \u00a0 actuando como agente oficiosa de hermana que padece enfermedad mental \u00a0 \u00a0 LEGITIMACION \u00a0 POR PASIVA EN TUTELA-Entidades de car\u00e1cter p\u00fablico y \u00a0 privado y organismos del Sistema de Seguridad Social en Pensiones del orden \u00a0 nacional \u00a0 \u00a0 PRINCIPIO DE \u00a0 INMEDIATEZ EN ACCION DE TUTELA-Inaplicaci\u00f3n cuando \u00a0 violaci\u00f3n ...<br \/><div class=\"pt-cv-rmwrap\"><a href=\"https:\/\/www.dmsjuridica.com\/buscador_20179478954\/corteconstitucionalcronologico202454587\/t-202a-18\/\" class=\"_self pt-cv-readmore btn btn-success\" target=\"_self\">Ver Sentencia Completa...<\/a><\/div><\/div><\/div><\/div>\n<div class=\"col-md-12 col-sm-12 col-xs-12 pt-cv-content-item pt-cv-1-col\" ><div class='pt-cv-ifield'><a href=\"https:\/\/www.dmsjuridica.com\/buscador_20179478954\/corteconstitucionalcronologico202454587\/t-202-18\/\" class=\"_self pt-cv-href-thumbnail pt-cv-thumb-default\" target=\"_self\" ><\/a>\n<div class=\"pt-cv-taxoterm above_title\"><a href='https:\/\/www.dmsjuridica.com\/buscador_20179478954\/corteconstitucionalcronologico202454587\/category\/buscar-en-toda-la-corte\/2018\/tutelas-2018\/' title='Tutelas 2018' class='pt-cv-tax-tutelas-2018'>Tutelas 2018<\/a><\/div>\n<h4 class=\"pt-cv-title\"><a href=\"https:\/\/www.dmsjuridica.com\/buscador_20179478954\/corteconstitucionalcronologico202454587\/t-202-18\/\" class=\"_self\" target=\"_self\" >T-202-18<\/a><\/h4>\n<div class=\"pt-cv-content\">\u00a0 \u00a0 \u00a0 \u00a0 \u00a0T-202-18 \u00a0 \u00a0 \u00a0 \u00a0 \u00a0 \u00a0\u00a0 Sentencia \u00a0 T-202\/18 \u00a0 \u00a0 ACCION DE TUTELA \u00a0 CONTRA PROVIDENCIAS JUDICIALES-Requisitos \u00a0 generales y especiales de procedibilidad\u00a0 \u00a0 \u00a0 TRAMITE DE \u00a0 RESTITUCION INTERNACIONAL DE MENORES-Procedimiento en la legislaci\u00f3n nacional \u00a0 \u00a0 TRAMITE DE \u00a0 RESTITUCION INTERNACIONAL DE MENORES-Marco normativo \u00a0 \u00a0 TRAMITE DE \u00a0 RESTITUCION INTERNACIONAL DE MENORES-Reiteraci\u00f3n de jurisprudencia \u00a0 \u00a0 TRAMITE DE \u00a0 RESTITUCION INTERNACIONAL DE MENORES-Fase administrativa y fase judicial \u00a0 \u00a0 MENOR DE EDAD-Retenci\u00f3n ilegal en el marco del Convenio de La Haya\u00a0 de \u00a0 1980 \u00a0 \u00a0 Para que se configure la ...<br \/><div class=\"pt-cv-rmwrap\"><a href=\"https:\/\/www.dmsjuridica.com\/buscador_20179478954\/corteconstitucionalcronologico202454587\/t-202-18\/\" class=\"_self pt-cv-readmore btn btn-success\" target=\"_self\">Ver Sentencia Completa...<\/a><\/div><\/div><\/div><\/div>\n<div class=\"col-md-12 col-sm-12 col-xs-12 pt-cv-content-item pt-cv-1-col\" ><div class='pt-cv-ifield'><a href=\"https:\/\/www.dmsjuridica.com\/buscador_20179478954\/corteconstitucionalcronologico202454587\/t-201a-18\/\" class=\"_self pt-cv-href-thumbnail pt-cv-thumb-default\" target=\"_self\" ><\/a>\n<div class=\"pt-cv-taxoterm above_title\"><a href='https:\/\/www.dmsjuridica.com\/buscador_20179478954\/corteconstitucionalcronologico202454587\/category\/buscar-en-toda-la-corte\/2018\/tutelas-2018\/' title='Tutelas 2018' class='pt-cv-tax-tutelas-2018'>Tutelas 2018<\/a><\/div>\n<h4 class=\"pt-cv-title\"><a href=\"https:\/\/www.dmsjuridica.com\/buscador_20179478954\/corteconstitucionalcronologico202454587\/t-201a-18\/\" class=\"_self\" target=\"_self\" >T-201A-18<\/a><\/h4>\n<div class=\"pt-cv-content\">\u00a0 \u00a0 \u00a0 \u00a0 \u00a0T-201A-18 \u00a0 \u00a0 \u00a0 \u00a0 \u00a0 \u00a0\u00a0 Sentencia T-201A\/18 \u00a0 \u00a0 RETROACTIVOS GENERADOS POR \u00a0 RELIQUIDACION DE PENSIONES LEGALES DENTRO DE LA \u00a0 FIGURA JURIDICA DE PENSIONES COMPARTIDAS-Caso en que dineros fueron girados a empresa donde \u00a0 trabaj\u00f3 accionante y esta no realiz\u00f3 el reembolso \u00a0 \u00a0 ACCION DE TUTELA PARA \u00a0 OBTENER REEMBOLSO DE RETROACTIVOS GENERADOS DENTRO DE LA FIGURA JURIDICA DE \u00a0 PENSIONES COMPARTIDAS-Procedencia excepcional \u00a0 \u00a0 RETROACTIVO EN PENSIONES COMPARTIDAS-Reiteraci\u00f3n de jurisprudencia \u00a0 \u00a0 RETROACTIVOS GENERADOS POR \u00a0 RELIQUIDACION DE PENSIONES LEGALES DENTRO DE LA \u00a0 FIGURA JURIDICA DE PENSIONES COMPARTIDAS-Orden a empresa ...<br \/><div class=\"pt-cv-rmwrap\"><a href=\"https:\/\/www.dmsjuridica.com\/buscador_20179478954\/corteconstitucionalcronologico202454587\/t-201a-18\/\" class=\"_self pt-cv-readmore btn btn-success\" target=\"_self\">Ver Sentencia Completa...<\/a><\/div><\/div><\/div><\/div>\n<div class=\"col-md-12 col-sm-12 col-xs-12 pt-cv-content-item pt-cv-1-col\" ><div class='pt-cv-ifield'><a href=\"https:\/\/www.dmsjuridica.com\/buscador_20179478954\/corteconstitucionalcronologico202454587\/t-201-18\/\" class=\"_self pt-cv-href-thumbnail pt-cv-thumb-default\" target=\"_self\" ><\/a>\n<div class=\"pt-cv-taxoterm above_title\"><a href='https:\/\/www.dmsjuridica.com\/buscador_20179478954\/corteconstitucionalcronologico202454587\/category\/buscar-en-toda-la-corte\/2018\/tutelas-2018\/' title='Tutelas 2018' class='pt-cv-tax-tutelas-2018'>Tutelas 2018<\/a><\/div>\n<h4 class=\"pt-cv-title\"><a href=\"https:\/\/www.dmsjuridica.com\/buscador_20179478954\/corteconstitucionalcronologico202454587\/t-201-18\/\" class=\"_self\" target=\"_self\" >T-201-18<\/a><\/h4>\n<div class=\"pt-cv-content\">\u00a0 \u00a0 \u00a0 \u00a0 \u00a0T-201-18 \u00a0 \u00a0 \u00a0 \u00a0 \u00a0 \u00a0\u00a0 Sentencia T-201\/18 \u00a0 \u00a0 PRINCIPIO DE SUBSIDIARIEDAD DE LA ACCION DE \u00a0 TUTELA-Juez debe verificar si ante la existencia de otro \u00a0 medio de defensa judicial, \u00e9ste es eficaz e id\u00f3neo \u00a0 \u00a0 ACCION DE TUTELA FRENTE A CONTROVERSIAS \u00a0 LABORALES-Procedencia excepcional \u00a0 \u00a0 En relaci\u00f3n con las controversias laborales, \u00a0 la acci\u00f3n de amparo es en principio improcedente pues, para la defensa de los \u00a0 derechos relacionados con ellas, los interesados tienen un escenario de debate \u00a0 judicial natural: la jurisdicci\u00f3n ordinaria. Su existencia impone al ciudadano \u00a0 ...<br \/><div class=\"pt-cv-rmwrap\"><a href=\"https:\/\/www.dmsjuridica.com\/buscador_20179478954\/corteconstitucionalcronologico202454587\/t-201-18\/\" class=\"_self pt-cv-readmore btn btn-success\" target=\"_self\">Ver Sentencia Completa...<\/a><\/div><\/div><\/div><\/div>\n<div class=\"col-md-12 col-sm-12 col-xs-12 pt-cv-content-item pt-cv-1-col\" ><div class='pt-cv-ifield'><a href=\"https:\/\/www.dmsjuridica.com\/buscador_20179478954\/corteconstitucionalcronologico202454587\/t-200a-18\/\" class=\"_self pt-cv-href-thumbnail pt-cv-thumb-default\" target=\"_self\" ><\/a>\n<div class=\"pt-cv-taxoterm above_title\"><a href='https:\/\/www.dmsjuridica.com\/buscador_20179478954\/corteconstitucionalcronologico202454587\/category\/buscar-en-toda-la-corte\/2018\/tutelas-2018\/' title='Tutelas 2018' class='pt-cv-tax-tutelas-2018'>Tutelas 2018<\/a><\/div>\n<h4 class=\"pt-cv-title\"><a href=\"https:\/\/www.dmsjuridica.com\/buscador_20179478954\/corteconstitucionalcronologico202454587\/t-200a-18\/\" class=\"_self\" target=\"_self\" >T-200A-18<\/a><\/h4>\n<div class=\"pt-cv-content\">\u00a0 \u00a0 \u00a0 \u00a0 \u00a0T-200A-18 \u00a0 \u00a0 \u00a0 \u00a0 \u00a0 \u00a0\u00a0 Sentencia T-200A\/18 \u00a0 \u00a0 ACCION DE TUTELA PARA RECLAMAR EL RECONOCIMIENTO Y PAGO DE \u00a0 DERECHOS PENSIONALES-Procedencia excepcional\u00a0 \u00a0 \u00a0 SUJETOS DE ESPECIAL PROTECCION CONSTITUCIONAL-Procedencia excepcional de la tutela cuando se \u00a0 ponen en riesgo derechos fundamentales\u00a0 \u00a0 \u00a0 ACCION DE TUTELA Y REQUISITO DE SUBSIDIARIEDAD-Flexibilidad en caso \u00a0 de sujetos de especial protecci\u00f3n constitucional \u00a0 \u00a0 SEGURIDAD SOCIAL-Servicio p\u00fablico obligatorio y esencial\/SEGURIDAD SOCIAL-Concepto \u00a0 \u00a0 El art\u00edculo 48 de la Constituci\u00f3n Pol\u00edtica ha definido la seguridad social como \u00a0 un servicio p\u00fablico de car\u00e1cter obligatorio que debe prestarse ...<br \/><div class=\"pt-cv-rmwrap\"><a href=\"https:\/\/www.dmsjuridica.com\/buscador_20179478954\/corteconstitucionalcronologico202454587\/t-200a-18\/\" class=\"_self pt-cv-readmore btn btn-success\" target=\"_self\">Ver Sentencia Completa...<\/a><\/div><\/div><\/div><\/div>\n<div class=\"col-md-12 col-sm-12 col-xs-12 pt-cv-content-item pt-cv-1-col\" ><div class='pt-cv-ifield'><a href=\"https:\/\/www.dmsjuridica.com\/buscador_20179478954\/corteconstitucionalcronologico202454587\/t-200-18\/\" class=\"_self pt-cv-href-thumbnail pt-cv-thumb-default\" target=\"_self\" ><\/a>\n<div class=\"pt-cv-taxoterm above_title\"><a href='https:\/\/www.dmsjuridica.com\/buscador_20179478954\/corteconstitucionalcronologico202454587\/category\/buscar-en-toda-la-corte\/2018\/tutelas-2018\/' title='Tutelas 2018' class='pt-cv-tax-tutelas-2018'>Tutelas 2018<\/a><\/div>\n<h4 class=\"pt-cv-title\"><a href=\"https:\/\/www.dmsjuridica.com\/buscador_20179478954\/corteconstitucionalcronologico202454587\/t-200-18\/\" class=\"_self\" target=\"_self\" >T-200-18<\/a><\/h4>\n<div class=\"pt-cv-content\">\u00a0 \u00a0 \u00a0 \u00a0 \u00a0T-200-18 \u00a0 \u00a0 \u00a0 \u00a0 \u00a0 \u00a0\u00a0 Sentencia \u00a0 T-200\/18 \u00a0 \u00a0 LEGITIMACION POR ACTIVA EN TUTELA-Persona natural que act\u00faa a trav\u00e9s de apoderado en defensa de sus propios \u00a0 intereses \u00a0 \u00a0 LEGITIMACION POR ACTIVA EN TUTELA-Defensora de \u00a0 familia del ICBF en representaci\u00f3n de menor de edad \u00a0 \u00a0 ACCION DE TUTELA CONTRA PARTICULARES-Procedencia excepcional \u00a0 \u00a0 ESTADO DE \u00a0 INDEFENSION-Configuraci\u00f3n cuando se da la circulaci\u00f3n de \u00a0 informaci\u00f3n u otro tipo de expresiones a trav\u00e9s de medios que producen un alto \u00a0 impacto social que trascienden la esfera privada de quienes se ven ...<br \/><div class=\"pt-cv-rmwrap\"><a href=\"https:\/\/www.dmsjuridica.com\/buscador_20179478954\/corteconstitucionalcronologico202454587\/t-200-18\/\" class=\"_self pt-cv-readmore btn btn-success\" target=\"_self\">Ver Sentencia Completa...<\/a><\/div><\/div><\/div><\/div>\n<div class=\"col-md-12 col-sm-12 col-xs-12 pt-cv-content-item pt-cv-1-col\" ><div class='pt-cv-ifield'><a href=\"https:\/\/www.dmsjuridica.com\/buscador_20179478954\/corteconstitucionalcronologico202454587\/t-199-18\/\" class=\"_self pt-cv-href-thumbnail pt-cv-thumb-default\" target=\"_self\" ><\/a>\n<div class=\"pt-cv-taxoterm above_title\"><a href='https:\/\/www.dmsjuridica.com\/buscador_20179478954\/corteconstitucionalcronologico202454587\/category\/buscar-en-toda-la-corte\/2018\/tutelas-2018\/' title='Tutelas 2018' class='pt-cv-tax-tutelas-2018'>Tutelas 2018<\/a><\/div>\n<h4 class=\"pt-cv-title\"><a href=\"https:\/\/www.dmsjuridica.com\/buscador_20179478954\/corteconstitucionalcronologico202454587\/t-199-18\/\" class=\"_self\" target=\"_self\" >T-199-18<\/a><\/h4>\n<div class=\"pt-cv-content\">\u00a0 \u00a0 \u00a0 \u00a0 \u00a0T-199-18 \u00a0 \u00a0 \u00a0 \u00a0 \u00a0 \u00a0\u00a0 Sentencia \u00a0 T-199\/18 \u00a0 \u00a0 PRINCIPIO DE \u00a0 SUBSIDIARIEDAD DE LA ACCION DE TUTELA-Juez debe verificar si ante la existencia de otro \u00a0 medio de defensa judicial, \u00e9ste es eficaz e id\u00f3neo\u00a0 \u00a0 \u00a0 ACCION DE TUTELA PARA RECLAMAR EL RECONOCIMIENTO Y PAGO DE DERECHOS \u00a0 PENSIONALES-Procedencia excepcional \u00a0 \u00a0 SUJETOS DE \u00a0 ESPECIAL PROTECCION CONSTITUCIONAL-Procedencia excepcional de la tutela cuando se \u00a0 ponen en riesgo derechos fundamentales\u00a0 \u00a0 \u00a0 DERECHO A LA INDEXACION DE LA PRIMERA MESADA PENSIONAL-Reglas \u00a0 jurisprudenciales \u00a0 \u00a0 INDEXACION \u00a0 DE LA PRIMERA MESADA ...<br \/><div class=\"pt-cv-rmwrap\"><a href=\"https:\/\/www.dmsjuridica.com\/buscador_20179478954\/corteconstitucionalcronologico202454587\/t-199-18\/\" class=\"_self pt-cv-readmore btn btn-success\" target=\"_self\">Ver Sentencia Completa...<\/a><\/div><\/div><\/div><\/div>\n<div class=\"col-md-12 col-sm-12 col-xs-12 pt-cv-content-item pt-cv-1-col\" ><div class='pt-cv-ifield'><a href=\"https:\/\/www.dmsjuridica.com\/buscador_20179478954\/corteconstitucionalcronologico202454587\/t-198-18\/\" class=\"_self pt-cv-href-thumbnail pt-cv-thumb-default\" target=\"_self\" ><\/a>\n<div class=\"pt-cv-taxoterm above_title\"><a href='https:\/\/www.dmsjuridica.com\/buscador_20179478954\/corteconstitucionalcronologico202454587\/category\/buscar-en-toda-la-corte\/2018\/tutelas-2018\/' title='Tutelas 2018' class='pt-cv-tax-tutelas-2018'>Tutelas 2018<\/a><\/div>\n<h4 class=\"pt-cv-title\"><a href=\"https:\/\/www.dmsjuridica.com\/buscador_20179478954\/corteconstitucionalcronologico202454587\/t-198-18\/\" class=\"_self\" target=\"_self\" >T-198-18<\/a><\/h4>\n<div class=\"pt-cv-content\">\u00a0 \u00a0 \u00a0 \u00a0 \u00a0T-198-18 \u00a0 \u00a0 \u00a0 \u00a0 \u00a0 \u00a0\u00a0 Sentencia T-198\/18 \u00a0 \u00a0 ACCION DE TUTELA CONTRA PROVIDENCIAS JUDICIALES-Procedencia \u00a0 excepcional \u00a0 \u00a0 ACCION DE TUTELA CONTRA PROVIDENCIAS JUDICIALES-Requisitos \u00a0 generales y especiales de procedibilidad\u00a0 \u00a0 \u00a0 DERECHO DE ACCESO A LA ADMINISTRACION DE JUSTICIA-Contenido y alcance \u00a0 \u00a0 DESCONOCIMIENTO DEL PRECEDENTE CONSTITUCIONAL COMO CAUSAL \u00a0 ESPECIFICA DE PROCEDIBILIDAD DE LA ACCION DE TUTELA CONTRA PROVIDENCIAS \u00a0 JUDICIALES \u00a0 \u00a0 PRECEDENTE JUDICIAL-Definici\u00f3n \u00a0 \u00a0 El precedente es conocido como la sentencia o el \u00a0 conjunto de ellas, anteriores a un caso determinado, que por su pertinencia y \u00a0 ...<br \/><div class=\"pt-cv-rmwrap\"><a href=\"https:\/\/www.dmsjuridica.com\/buscador_20179478954\/corteconstitucionalcronologico202454587\/t-198-18\/\" class=\"_self pt-cv-readmore btn btn-success\" target=\"_self\">Ver Sentencia Completa...<\/a><\/div><\/div><\/div><\/div>\n<div class=\"col-md-12 col-sm-12 col-xs-12 pt-cv-content-item pt-cv-1-col\" ><div class='pt-cv-ifield'><a href=\"https:\/\/www.dmsjuridica.com\/buscador_20179478954\/corteconstitucionalcronologico202454587\/t-197-18\/\" class=\"_self pt-cv-href-thumbnail pt-cv-thumb-default\" target=\"_self\" ><\/a>\n<div class=\"pt-cv-taxoterm above_title\"><a href='https:\/\/www.dmsjuridica.com\/buscador_20179478954\/corteconstitucionalcronologico202454587\/category\/buscar-en-toda-la-corte\/2018\/tutelas-2018\/' title='Tutelas 2018' class='pt-cv-tax-tutelas-2018'>Tutelas 2018<\/a><\/div>\n<h4 class=\"pt-cv-title\"><a href=\"https:\/\/www.dmsjuridica.com\/buscador_20179478954\/corteconstitucionalcronologico202454587\/t-197-18\/\" class=\"_self\" target=\"_self\" >T-197-18<\/a><\/h4>\n<div class=\"pt-cv-content\">\u00a0 \u00a0 \u00a0 \u00a0 \u00a0T-197-18 \u00a0 \u00a0 \u00a0 \u00a0 \u00a0 \u00a0\u00a0 Sentencia T-197\/18 \u00a0 \u00a0 ACCION DE TUTELA \u00a0 CONTRA ACTO ADMINISTRATIVO QUE NIEGA EXCLUSION DE PAGO DE SOBRETASA AMBIENTAL A \u00a0 IGLESIA CRISTIANA-Procedencia excepcional \u00a0 \u00a0 En \u00a0 la \u00a0 Sentencia T-642 de 2016, la Corte concluy\u00f3 que el medio de control de \u00a0 nulidad y restablecimiento del derecho para controvertir los actos que negaban \u00a0 la exclusi\u00f3n del pago de la sobretasa no es un mecanismo id\u00f3neo porque \u201ccentra su an\u00e1lisis \u00a0 en la legalidad del acto administrativo, esto es en que est\u00e9 ajustado a las \u00a0 normas ...<br \/><div class=\"pt-cv-rmwrap\"><a href=\"https:\/\/www.dmsjuridica.com\/buscador_20179478954\/corteconstitucionalcronologico202454587\/t-197-18\/\" class=\"_self pt-cv-readmore btn btn-success\" target=\"_self\">Ver Sentencia Completa...<\/a><\/div><\/div><\/div><\/div>\n<div class=\"col-md-12 col-sm-12 col-xs-12 pt-cv-content-item pt-cv-1-col\" ><div class='pt-cv-ifield'><a href=\"https:\/\/www.dmsjuridica.com\/buscador_20179478954\/corteconstitucionalcronologico202454587\/t-196-18\/\" class=\"_self pt-cv-href-thumbnail pt-cv-thumb-default\" target=\"_self\" ><\/a>\n<div class=\"pt-cv-taxoterm above_title\"><a href='https:\/\/www.dmsjuridica.com\/buscador_20179478954\/corteconstitucionalcronologico202454587\/category\/buscar-en-toda-la-corte\/2018\/tutelas-2018\/' title='Tutelas 2018' class='pt-cv-tax-tutelas-2018'>Tutelas 2018<\/a><\/div>\n<h4 class=\"pt-cv-title\"><a href=\"https:\/\/www.dmsjuridica.com\/buscador_20179478954\/corteconstitucionalcronologico202454587\/t-196-18\/\" class=\"_self\" target=\"_self\" >T-196-18<\/a><\/h4>\n<div class=\"pt-cv-content\">\u00a0 \u00a0 \u00a0 \u00a0 \u00a0T-196-18 \u00a0 \u00a0 \u00a0 \u00a0 \u00a0 \u00a0\u00a0 Sentencia T-196\/18 \u00a0 \u00a0 LEGITIMACION EN LA CAUSA POR ACTIVA EN TUTELA-Reiteraci\u00f3n de jurisprudencia \u00a0 \u00a0 LEGITIMACION POR ACTIVA EN TUTELA-Cualquier persona puede exigir el cumplimiento de los derechos de \u00a0 los ni\u00f1os \u00a0 \u00a0 LEGITIMACION POR ACTIVA EN TUTELA-Madre en representaci\u00f3n de hijo menor \u00a0 \u00a0 AGENCIA OFICIOSA EN TUTELA-Requisitos \u00a0 \u00a0 LEGITIMACION POR PASIVA EN TUTELA-Entidad que se ocupa \u00a0 de prestar el servicio p\u00fablico de salud \u00a0 \u00a0 PRINCIPIO DE INMEDIATEZ EN ACCION DE TUTELA-Reglas generales \u00a0 \u00a0 DERECHO A LA SALUD \u00a0 COMO DERECHO FUNDAMENTAL-Reiteraci\u00f3n ...<br \/><div class=\"pt-cv-rmwrap\"><a href=\"https:\/\/www.dmsjuridica.com\/buscador_20179478954\/corteconstitucionalcronologico202454587\/t-196-18\/\" class=\"_self pt-cv-readmore btn btn-success\" target=\"_self\">Ver Sentencia Completa...<\/a><\/div><\/div><\/div><\/div>\n<div class=\"col-md-12 col-sm-12 col-xs-12 pt-cv-content-item pt-cv-1-col\" ><div class='pt-cv-ifield'><a href=\"https:\/\/www.dmsjuridica.com\/buscador_20179478954\/corteconstitucionalcronologico202454587\/t-190-18\/\" class=\"_self pt-cv-href-thumbnail pt-cv-thumb-default\" target=\"_self\" ><\/a>\n<div class=\"pt-cv-taxoterm above_title\"><a href='https:\/\/www.dmsjuridica.com\/buscador_20179478954\/corteconstitucionalcronologico202454587\/category\/buscar-en-toda-la-corte\/2018\/tutelas-2018\/' title='Tutelas 2018' class='pt-cv-tax-tutelas-2018'>Tutelas 2018<\/a><\/div>\n<h4 class=\"pt-cv-title\"><a href=\"https:\/\/www.dmsjuridica.com\/buscador_20179478954\/corteconstitucionalcronologico202454587\/t-190-18\/\" class=\"_self\" target=\"_self\" >T-190-18<\/a><\/h4>\n<div class=\"pt-cv-content\">\u00a0 \u00a0 \u00a0 \u00a0 \u00a0T-190-18 \u00a0 \u00a0 \u00a0 \u00a0 \u00a0 \u00a0\u00a0 Sentencia T-190\/18 \u00a0 \u00a0 ACCION DE TUTELA TEMERARIA-Requisitos \u00a0 para que se configure \u00a0 \u00a0 En virtud de \u00a0 lo dispuesto en el Decreto 2591 de 1991, hay temeridad cuando\u00a0sin motivo \u00a0 expresamente justificado, la misma acci\u00f3n de tutela es presentada por la misma \u00a0 persona o su representante ante varios jueces o tribunales, por lo cual\u00a0se \u00a0 deber\u00e1 rechazar o decidir desfavorablemente todas las solicitudes.\u00a0As\u00ed las cosas, la temeridad se configura al concurrir \u00a0 los siguientes elementos: (i) identidad de hechos; (ii) identidad de demandante, \u00a0 ya sea ...<br \/><div class=\"pt-cv-rmwrap\"><a href=\"https:\/\/www.dmsjuridica.com\/buscador_20179478954\/corteconstitucionalcronologico202454587\/t-190-18\/\" class=\"_self pt-cv-readmore btn btn-success\" target=\"_self\">Ver Sentencia Completa...<\/a><\/div><\/div><\/div><\/div>\n<div class=\"col-md-12 col-sm-12 col-xs-12 pt-cv-content-item pt-cv-1-col\" ><div class='pt-cv-ifield'><a href=\"https:\/\/www.dmsjuridica.com\/buscador_20179478954\/corteconstitucionalcronologico202454587\/t-189-18\/\" class=\"_self pt-cv-href-thumbnail pt-cv-thumb-default\" target=\"_self\" ><\/a>\n<div class=\"pt-cv-taxoterm above_title\"><a href='https:\/\/www.dmsjuridica.com\/buscador_20179478954\/corteconstitucionalcronologico202454587\/category\/buscar-en-toda-la-corte\/2018\/tutelas-2018\/' title='Tutelas 2018' class='pt-cv-tax-tutelas-2018'>Tutelas 2018<\/a><\/div>\n<h4 class=\"pt-cv-title\"><a href=\"https:\/\/www.dmsjuridica.com\/buscador_20179478954\/corteconstitucionalcronologico202454587\/t-189-18\/\" class=\"_self\" target=\"_self\" >T-189-18<\/a><\/h4>\n<div class=\"pt-cv-content\">\u00a0 \u00a0 \u00a0 \u00a0 \u00a0T-189-18 \u00a0 \u00a0 \u00a0 \u00a0 \u00a0 \u00a0\u00a0 Sentencia T-189\/18 \u00a0 \u00a0 CARENCIA ACTUAL DE OBJETO-Configuraci\u00f3n \u00a0 y caracter\u00edsticas \u00a0 \u00a0 CARENCIA ACTUAL DE OBJETO-Fen\u00f3meno \u00a0 que puede presentarse a partir de dos eventos que a su vez sugieren \u00a0 consecuencias distintas: hecho superado y da\u00f1o consumado\u00a0 \u00a0 \u00a0 CARENCIA \u00a0 ACTUAL DE OBJETO POR HECHO SUPERADO-Se restableci\u00f3 \u00a0 custodia y cuidado personal de menor de edad\u00a0 \u00a0 \u00a0 Referencia: \u00a0 \u00a0 Expediente T-6.559.204 \u00a0 \u00a0 Acci\u00f3n de tutela presentada por Alicia, en nombre \u00a0 propio y en representaci\u00f3n de su hija Daniela*, en contra del Instituto ...<br \/><div class=\"pt-cv-rmwrap\"><a href=\"https:\/\/www.dmsjuridica.com\/buscador_20179478954\/corteconstitucionalcronologico202454587\/t-189-18\/\" class=\"_self pt-cv-readmore btn btn-success\" target=\"_self\">Ver Sentencia Completa...<\/a><\/div><\/div><\/div><\/div>\n<div class=\"col-md-12 col-sm-12 col-xs-12 pt-cv-content-item pt-cv-1-col\" ><div class='pt-cv-ifield'><a href=\"https:\/\/www.dmsjuridica.com\/buscador_20179478954\/corteconstitucionalcronologico202454587\/t-188-18\/\" class=\"_self pt-cv-href-thumbnail pt-cv-thumb-default\" target=\"_self\" ><\/a>\n<div class=\"pt-cv-taxoterm above_title\"><a href='https:\/\/www.dmsjuridica.com\/buscador_20179478954\/corteconstitucionalcronologico202454587\/category\/buscar-en-toda-la-corte\/2018\/tutelas-2018\/' title='Tutelas 2018' class='pt-cv-tax-tutelas-2018'>Tutelas 2018<\/a><\/div>\n<h4 class=\"pt-cv-title\"><a href=\"https:\/\/www.dmsjuridica.com\/buscador_20179478954\/corteconstitucionalcronologico202454587\/t-188-18\/\" class=\"_self\" target=\"_self\" >T-188-18<\/a><\/h4>\n<div class=\"pt-cv-content\">\u00a0 \u00a0 \u00a0 \u00a0 \u00a0T-188-18 \u00a0 \u00a0 \u00a0 \u00a0 \u00a0 \u00a0\u00a0 Sentencia T-188\/18 \u00a0 \u00a0 LEGITIMACION EN LA CAUSA POR ACTIVA Y AGENCIA \u00a0 OFICIOSA EN LA ACCION DE TUTELA-Requisitos \u00a0 \u00a0 LEGITIMACION POR PASIVA \u00a0 EN TUTELA-Empresas de \u00a0 servicios p\u00fablicos domiciliarios \u00a0 \u00a0 PRINCIPIO DE INMEDIATEZ EN ACCION DE TUTELA-Inaplicaci\u00f3n cuando violaci\u00f3n de derechos persiste en el tiempo \u00a0 \u00a0 ACCION DE TUTELA PARA SOLICITAR PROTECCION DEL DERECHO AL AGUA-Procedencia excepcional \u00a0 \u00a0 AGUA-Elemento indispensable para la existencia del individuo \u00a0 \u00a0 DERECHO AL AGUA POTABLE-Toda persona tiene \u00a0 derecho fundamental prima facie a disponer y acceder a ...<br \/><div class=\"pt-cv-rmwrap\"><a href=\"https:\/\/www.dmsjuridica.com\/buscador_20179478954\/corteconstitucionalcronologico202454587\/t-188-18\/\" class=\"_self pt-cv-readmore btn btn-success\" target=\"_self\">Ver Sentencia Completa...<\/a><\/div><\/div><\/div><\/div>\n<div class=\"col-md-12 col-sm-12 col-xs-12 pt-cv-content-item pt-cv-1-col\" ><div class='pt-cv-ifield'><a href=\"https:\/\/www.dmsjuridica.com\/buscador_20179478954\/corteconstitucionalcronologico202454587\/t-185-18\/\" class=\"_self pt-cv-href-thumbnail pt-cv-thumb-default\" target=\"_self\" ><\/a>\n<div class=\"pt-cv-taxoterm above_title\"><a href='https:\/\/www.dmsjuridica.com\/buscador_20179478954\/corteconstitucionalcronologico202454587\/category\/buscar-en-toda-la-corte\/2018\/tutelas-2018\/' title='Tutelas 2018' class='pt-cv-tax-tutelas-2018'>Tutelas 2018<\/a><\/div>\n<h4 class=\"pt-cv-title\"><a href=\"https:\/\/www.dmsjuridica.com\/buscador_20179478954\/corteconstitucionalcronologico202454587\/t-185-18\/\" class=\"_self\" target=\"_self\" >T-185-18<\/a><\/h4>\n<div class=\"pt-cv-content\">\u00a0 \u00a0 \u00a0 \u00a0 \u00a0T-185-18 \u00a0 \u00a0 \u00a0 \u00a0 \u00a0 \u00a0\u00a0 Sentencia \u00a0 T-185\/18\u00a0\u00a0\u00a0\u00a0\u00a0\u00a0\u00a0 \u00a0 \u00a0\u00a0 DERECHO LA CAPACIDAD JURIDICA Y A LA SEGURIDAD SOCIAL DE PERSONA EN \u00a0 SITUACION DE DISCAPACIDAD-Casos \u00a0 en que Colpensiones condicion\u00f3 inclusi\u00f3n en n\u00f3mina y correspondiente pago de \u00a0 pensi\u00f3n de invalidez de accionantes, a la presentaci\u00f3n de una sentencia de \u00a0 interdicci\u00f3n \u00a0 \u00a0 ACCION DE \u00a0 TUTELA PARA RECLAMAR EL RECONOCIMIENTO Y PAGO DE DERECHOS PENSIONALES-Procedencia excepcional \u00a0 \u00a0 ACCION DE \u00a0 TUTELA PARA RECONOCIMIENTO DE PENSION DE INVALIDEZ-Procedencia excepcional \u00a0 \u00a0 Respecto a la posibilidad excepcional de acudir al mecanismo \u00a0 ...<br \/><div class=\"pt-cv-rmwrap\"><a href=\"https:\/\/www.dmsjuridica.com\/buscador_20179478954\/corteconstitucionalcronologico202454587\/t-185-18\/\" class=\"_self pt-cv-readmore btn btn-success\" target=\"_self\">Ver Sentencia Completa...<\/a><\/div><\/div><\/div><\/div>\n<div class=\"col-md-12 col-sm-12 col-xs-12 pt-cv-content-item pt-cv-1-col\" ><div class='pt-cv-ifield'><a href=\"https:\/\/www.dmsjuridica.com\/buscador_20179478954\/corteconstitucionalcronologico202454587\/t-180-18\/\" class=\"_self pt-cv-href-thumbnail pt-cv-thumb-default\" target=\"_self\" ><\/a>\n<div class=\"pt-cv-taxoterm above_title\"><a href='https:\/\/www.dmsjuridica.com\/buscador_20179478954\/corteconstitucionalcronologico202454587\/category\/buscar-en-toda-la-corte\/2018\/tutelas-2018\/' title='Tutelas 2018' class='pt-cv-tax-tutelas-2018'>Tutelas 2018<\/a><\/div>\n<h4 class=\"pt-cv-title\"><a href=\"https:\/\/www.dmsjuridica.com\/buscador_20179478954\/corteconstitucionalcronologico202454587\/t-180-18\/\" class=\"_self\" target=\"_self\" >T-180-18<\/a><\/h4>\n<div class=\"pt-cv-content\">\u00a0 \u00a0 \u00a0 \u00a0 \u00a0T-180-18 \u00a0 \u00a0 \u00a0 \u00a0 \u00a0 \u00a0\u00a0 Sentencia T-180\/18 \u00a0 \u00a0 ACCION DE TUTELA \u00a0 CONTRA PROVIDENCIAS JUDICIALES-Procedencia \u00a0 excepcional \u00a0 \u00a0 ACCION DE TUTELA \u00a0 CONTRA PROVIDENCIAS JUDICIALES-Requisitos generales \u00a0 de procedibilidad \u00a0 \u00a0 ACCION DE TUTELA CONTRA PROVIDENCIAS \u00a0 JUDICIALES-Improcedencia para revivir t\u00e9rminos y etapas procesales en donde se \u00a0 dejaron de emplear los recursos previstos en el ordenamiento jur\u00eddico \u00a0 \u00a0 ACCION DE TUTELA \u00a0 CONTRA PROVIDENCIAS JUDICIALES EN MATERIA DE RELIQUIDACION PENSIONAL-Improcedencia por incumplir requisito de subsidiariedad al \u00a0 omitir presentar recurso de casaci\u00f3n \u00a0 \u00a0 Referencia: \u00a0 Expediente T-6.502.335 \u00a0 \u00a0 ...<br \/><div class=\"pt-cv-rmwrap\"><a href=\"https:\/\/www.dmsjuridica.com\/buscador_20179478954\/corteconstitucionalcronologico202454587\/t-180-18\/\" class=\"_self pt-cv-readmore btn btn-success\" target=\"_self\">Ver Sentencia Completa...<\/a><\/div><\/div><\/div><\/div>\n<div class=\"col-md-12 col-sm-12 col-xs-12 pt-cv-content-item pt-cv-1-col\" ><div class='pt-cv-ifield'><a href=\"https:\/\/www.dmsjuridica.com\/buscador_20179478954\/corteconstitucionalcronologico202454587\/t-176-18\/\" class=\"_self pt-cv-href-thumbnail pt-cv-thumb-default\" target=\"_self\" ><\/a>\n<div class=\"pt-cv-taxoterm above_title\"><a href='https:\/\/www.dmsjuridica.com\/buscador_20179478954\/corteconstitucionalcronologico202454587\/category\/buscar-en-toda-la-corte\/2018\/tutelas-2018\/' title='Tutelas 2018' class='pt-cv-tax-tutelas-2018'>Tutelas 2018<\/a><\/div>\n<h4 class=\"pt-cv-title\"><a href=\"https:\/\/www.dmsjuridica.com\/buscador_20179478954\/corteconstitucionalcronologico202454587\/t-176-18\/\" class=\"_self\" target=\"_self\" >T-176-18<\/a><\/h4>\n<div class=\"pt-cv-content\">\u00a0 \u00a0 \u00a0 \u00a0 \u00a0T-176-18 \u00a0 \u00a0 \u00a0 \u00a0 \u00a0 \u00a0\u00a0 Sentencia \u00a0 T-176\/18 \u00a0 \u00a0 LEGITIMACION POR ACTIVA EN TUTELA-Persona natural que act\u00faa a trav\u00e9s de apoderado en defensa de sus propios \u00a0 intereses \u00a0 \u00a0 LEGITIMACION POR PASIVA EN TUTELA-Empresa industrial y comercial del Estado \u00a0 \u00a0 ACCION DE TUTELA PARA ORDENAR \u00a0 RECONOCIMIENTO Y PAGO DE LA PENSION DE INVALIDEZ-Procedencia excepcional \u00a0 \u00a0 En la Sentencia \u00a0 SU-588 de 2016, esta Corporaci\u00f3n unific\u00f3 las siguientes reglas que deben \u00a0 observarse a efectos de examinar el presupuesto de subsidiariedad respecto de \u00a0 las solicitudes de amparo con las ...<br \/><div class=\"pt-cv-rmwrap\"><a href=\"https:\/\/www.dmsjuridica.com\/buscador_20179478954\/corteconstitucionalcronologico202454587\/t-176-18\/\" class=\"_self pt-cv-readmore btn btn-success\" target=\"_self\">Ver Sentencia Completa...<\/a><\/div><\/div><\/div><\/div>\n<div class=\"col-md-12 col-sm-12 col-xs-12 pt-cv-content-item pt-cv-1-col\" ><div class='pt-cv-ifield'><a href=\"https:\/\/www.dmsjuridica.com\/buscador_20179478954\/corteconstitucionalcronologico202454587\/t-171-18\/\" class=\"_self pt-cv-href-thumbnail pt-cv-thumb-default\" target=\"_self\" ><\/a>\n<div class=\"pt-cv-taxoterm above_title\"><a href='https:\/\/www.dmsjuridica.com\/buscador_20179478954\/corteconstitucionalcronologico202454587\/category\/buscar-en-toda-la-corte\/2018\/tutelas-2018\/' title='Tutelas 2018' class='pt-cv-tax-tutelas-2018'>Tutelas 2018<\/a><\/div>\n<h4 class=\"pt-cv-title\"><a href=\"https:\/\/www.dmsjuridica.com\/buscador_20179478954\/corteconstitucionalcronologico202454587\/t-171-18\/\" class=\"_self\" target=\"_self\" >T-171-18<\/a><\/h4>\n<div class=\"pt-cv-content\">\u00a0 \u00a0 \u00a0 \u00a0 \u00a0T-171-18 \u00a0 \u00a0 \u00a0 \u00a0 \u00a0 \u00a0\u00a0 Sentencia T-171\/18 \u00a0 \u00a0 LEGITIMACION POR \u00a0 ACTIVA EN TUTELA-Persona natural que act\u00faa en defensa de sus \u00a0 propios intereses \u00a0 \u00a0 \u00a0\u00a0\u00a0\u00a0\u00a0\u00a0\u00a0\u00a0\u00a0\u00a0\u00a0\u00a0\u00a0\u00a0\u00a0\u00a0\u00a0\u00a0\u00a0\u00a0\u00a0\u00a0\u00a0\u00a0\u00a0\u00a0\u00a0\u00a0\u00a0\u00a0\u00a0\u00a0\u00a0\u00a0\u00a0\u00a0\u00a0\u00a0\u00a0\u00a0\u00a0\u00a0\u00a0\u00a0\u00a0\u00a0\u00a0\u00a0\u00a0\u00a0\u00a0\u00a0\u00a0\u00a0\u00a0\u00a0\u00a0\u00a0\u00a0\u00a0\u00a0 \u00a0 \u00a0 LEGITIMACION POR PASIVA EN TUTELA-Entidad que se ocupa de prestar el servicio \u00a0 p\u00fablico de salud \u00a0 \u00a0 PRINCIPIO DE INMEDIATEZ EN ACCION DE TUTELA-Reglas generales \u00a0 \u00a0 LEY \u00a0 1122\/07-Confiri\u00f3 a Superintendencia Nacional de Salud \u00a0 facultades jurisdiccionales para adelantar procedimientos que resuelvan \u00a0 controversias entre entidades promotoras de salud y usuarios\u00a0 \u00a0 \u00a0 LEY \u00a0 1438\/11-Reform\u00f3 el Sistema General de Seguridad Social ...<br \/><div class=\"pt-cv-rmwrap\"><a href=\"https:\/\/www.dmsjuridica.com\/buscador_20179478954\/corteconstitucionalcronologico202454587\/t-171-18\/\" class=\"_self pt-cv-readmore btn btn-success\" target=\"_self\">Ver Sentencia Completa...<\/a><\/div><\/div><\/div><\/div>\n<div class=\"col-md-12 col-sm-12 col-xs-12 pt-cv-content-item pt-cv-1-col\" ><div class='pt-cv-ifield'><a href=\"https:\/\/www.dmsjuridica.com\/buscador_20179478954\/corteconstitucionalcronologico202454587\/t-164-18\/\" class=\"_self pt-cv-href-thumbnail pt-cv-thumb-default\" target=\"_self\" ><\/a>\n<div class=\"pt-cv-taxoterm above_title\"><a href='https:\/\/www.dmsjuridica.com\/buscador_20179478954\/corteconstitucionalcronologico202454587\/category\/buscar-en-toda-la-corte\/2018\/tutelas-2018\/' title='Tutelas 2018' class='pt-cv-tax-tutelas-2018'>Tutelas 2018<\/a><\/div>\n<h4 class=\"pt-cv-title\"><a href=\"https:\/\/www.dmsjuridica.com\/buscador_20179478954\/corteconstitucionalcronologico202454587\/t-164-18\/\" class=\"_self\" target=\"_self\" >T-164-18<\/a><\/h4>\n<div class=\"pt-cv-content\">\u00a0 \u00a0 \u00a0 \u00a0 \u00a0T-164-18 \u00a0 \u00a0 \u00a0 \u00a0 \u00a0 \u00a0\u00a0 Sentencia T-164\/18 \u00a0 \u00a0 ACCION DE TUTELA CONTRA PROVIDENCIAS JUDICIALES-Procedencia \u00a0 excepcional \u00a0 \u00a0 ACCION DE TUTELA CONTRA PROVIDENCIAS JUDICIALES-Requisitos generales y especiales de \u00a0 procedibilidad\u00a0 \u00a0 \u00a0 CARACTERIZACION DEL DEFECTO FACTICO COMO CAUSAL ESPECIFICA DE PROCEDIBILIDAD DE \u00a0 LA ACCION DE TUTELA CONTRA PROVIDENCIAS JUDICIALES\u00a0 \u00a0 \u00a0 En concordancia con su propia jurisprudencia, esta Corporaci\u00f3n \u00a0 ha advertido\u00a0que\u00a0\u201csolo es factible fundar una \u00a0 acci\u00f3n de tutela cuando se observa que de una manera manifiesta aparece \u00a0 arbitraria la valoraci\u00f3n probatoria hecha por el juez en la correspondiente \u00a0 ...<br \/><div class=\"pt-cv-rmwrap\"><a href=\"https:\/\/www.dmsjuridica.com\/buscador_20179478954\/corteconstitucionalcronologico202454587\/t-164-18\/\" class=\"_self pt-cv-readmore btn btn-success\" target=\"_self\">Ver Sentencia Completa...<\/a><\/div><\/div><\/div><\/div>\n<div class=\"col-md-12 col-sm-12 col-xs-12 pt-cv-content-item pt-cv-1-col\" ><div class='pt-cv-ifield'><a href=\"https:\/\/www.dmsjuridica.com\/buscador_20179478954\/corteconstitucionalcronologico202454587\/t-163-18\/\" class=\"_self pt-cv-href-thumbnail pt-cv-thumb-default\" target=\"_self\" ><\/a>\n<div class=\"pt-cv-taxoterm above_title\"><a href='https:\/\/www.dmsjuridica.com\/buscador_20179478954\/corteconstitucionalcronologico202454587\/category\/buscar-en-toda-la-corte\/2018\/tutelas-2018\/' title='Tutelas 2018' class='pt-cv-tax-tutelas-2018'>Tutelas 2018<\/a><\/div>\n<h4 class=\"pt-cv-title\"><a href=\"https:\/\/www.dmsjuridica.com\/buscador_20179478954\/corteconstitucionalcronologico202454587\/t-163-18\/\" class=\"_self\" target=\"_self\" >T-163-18<\/a><\/h4>\n<div class=\"pt-cv-content\">\u00a0 \u00a0 \u00a0 \u00a0 \u00a0T-163-18 \u00a0 \u00a0 \u00a0 \u00a0 \u00a0 \u00a0\u00a0 Sentencia T-163\/18 \u00a0 \u00a0 DERECHO A LA SALUD-Vulneraci\u00f3n al imponer barreras administrativas para la entrega de \u00a0 medicamento en municipios cercanos a residencia de la accionante \u00a0 \u00a0 LEGITIMACION POR ACTIVA EN TUTELA-Persona natural que act\u00faa en defensa de sus \u00a0 propios intereses \u00a0 \u00a0 LEGITIMACION POR PASIVA EN TUTELA-Entidad \u00a0 que se ocupa de prestar el servicio p\u00fablico de salud \u00a0 \u00a0 PRINCIPIO DE SUBSIDIARIEDAD DE LA ACCION DE TUTELA-Juez debe \u00a0 verificar si ante la existencia de otro medio de defensa judicial, \u00e9ste es \u00a0 eficaz e ...<br \/><div class=\"pt-cv-rmwrap\"><a href=\"https:\/\/www.dmsjuridica.com\/buscador_20179478954\/corteconstitucionalcronologico202454587\/t-163-18\/\" class=\"_self pt-cv-readmore btn btn-success\" target=\"_self\">Ver Sentencia Completa...<\/a><\/div><\/div><\/div><\/div>\n<div class=\"col-md-12 col-sm-12 col-xs-12 pt-cv-content-item pt-cv-1-col\" ><div class='pt-cv-ifield'><a href=\"https:\/\/www.dmsjuridica.com\/buscador_20179478954\/corteconstitucionalcronologico202454587\/t-162-18\/\" class=\"_self pt-cv-href-thumbnail pt-cv-thumb-default\" target=\"_self\" ><\/a>\n<div class=\"pt-cv-taxoterm above_title\"><a href='https:\/\/www.dmsjuridica.com\/buscador_20179478954\/corteconstitucionalcronologico202454587\/category\/buscar-en-toda-la-corte\/2018\/tutelas-2018\/' title='Tutelas 2018' class='pt-cv-tax-tutelas-2018'>Tutelas 2018<\/a><\/div>\n<h4 class=\"pt-cv-title\"><a href=\"https:\/\/www.dmsjuridica.com\/buscador_20179478954\/corteconstitucionalcronologico202454587\/t-162-18\/\" class=\"_self\" target=\"_self\" >T-162-18<\/a><\/h4>\n<div class=\"pt-cv-content\">\u00a0 \u00a0 \u00a0 \u00a0 \u00a0T-162-18 \u00a0 \u00a0 \u00a0 \u00a0 \u00a0 \u00a0\u00a0 Sentencia T-162\/18 \u00a0 \u00a0 TEMERIDAD-Concepto y desarrollo \u00a0 jurisprudencial\u00a0 \u00a0 \u00a0 ACCION DE TUTELA TEMERARIA-Identidad de partes, \u00a0 hechos y pretensiones \u00a0 \u00a0 ACCION DE TUTELA TEMERARIA-Para que se configure \u00a0 temeridad debe evidenciarse la mala fe en el actuar del peticionario \u00a0 \u00a0 ACCION DE TUTELA TEMERARIA-Supuestos que facultan a interponer \u00a0 nuevamente una acci\u00f3n sin que sea considerada temeridad \u00a0 \u00a0 ACTUACION TEMERARIA Y COSA JUZGADA EN MATERIA DE TUTELA-Inexistencia para el \u00a0 caso \u00a0 \u00a0 LEGITIMACION POR ACTIVA EN TUTELA-Persona natural que \u00a0 act\u00faa en defensa ...<br \/><div class=\"pt-cv-rmwrap\"><a href=\"https:\/\/www.dmsjuridica.com\/buscador_20179478954\/corteconstitucionalcronologico202454587\/t-162-18\/\" class=\"_self pt-cv-readmore btn btn-success\" target=\"_self\">Ver Sentencia Completa...<\/a><\/div><\/div><\/div><\/div>\n<div class=\"col-md-12 col-sm-12 col-xs-12 pt-cv-content-item pt-cv-1-col\" ><div class='pt-cv-ifield'><a href=\"https:\/\/www.dmsjuridica.com\/buscador_20179478954\/corteconstitucionalcronologico202454587\/t-160-18\/\" class=\"_self pt-cv-href-thumbnail pt-cv-thumb-default\" target=\"_self\" ><\/a>\n<div class=\"pt-cv-taxoterm above_title\"><a href='https:\/\/www.dmsjuridica.com\/buscador_20179478954\/corteconstitucionalcronologico202454587\/category\/buscar-en-toda-la-corte\/2018\/tutelas-2018\/' title='Tutelas 2018' class='pt-cv-tax-tutelas-2018'>Tutelas 2018<\/a><\/div>\n<h4 class=\"pt-cv-title\"><a href=\"https:\/\/www.dmsjuridica.com\/buscador_20179478954\/corteconstitucionalcronologico202454587\/t-160-18\/\" class=\"_self\" target=\"_self\" >T-160-18<\/a><\/h4>\n<div class=\"pt-cv-content\">\u00a0 \u00a0 \u00a0 \u00a0 \u00a0T-160-18 \u00a0 \u00a0 \u00a0 \u00a0 \u00a0 \u00a0\u00a0 Sentencia \u00a0 T-160\/18\u00a0\u00a0\u00a0\u00a0 \u00a0 \u00a0\u00a0 ACCION DE TUTELA EN CONCURSO DE MERITOS-Procedencia excepcional cuando a pesar de existir otro \u00a0 medio de defensa judicial, \u00e9ste no resulta id\u00f3neo para evitar un perjuicio \u00a0 irremediable \u00a0 \u00a0 Esta Sala de Revisi\u00f3n encuentra que la acci\u00f3n de amparo constitucional se \u00a0 convierte en el mecanismo id\u00f3neo de defensa judicial para resolver la \u00a0 controversia sometida a revisi\u00f3n, por una parte, porque las pretensiones del \u00a0 accionante no se dirigen a determinar la legalidad de los actos administrativos \u00a0 expedidos en desarrollo ...<br \/><div class=\"pt-cv-rmwrap\"><a href=\"https:\/\/www.dmsjuridica.com\/buscador_20179478954\/corteconstitucionalcronologico202454587\/t-160-18\/\" class=\"_self pt-cv-readmore btn btn-success\" target=\"_self\">Ver Sentencia Completa...<\/a><\/div><\/div><\/div><\/div>\n<div class=\"col-md-12 col-sm-12 col-xs-12 pt-cv-content-item pt-cv-1-col\" ><div class='pt-cv-ifield'><a href=\"https:\/\/www.dmsjuridica.com\/buscador_20179478954\/corteconstitucionalcronologico202454587\/t-158-18\/\" class=\"_self pt-cv-href-thumbnail pt-cv-thumb-default\" target=\"_self\" ><\/a>\n<div class=\"pt-cv-taxoterm above_title\"><a href='https:\/\/www.dmsjuridica.com\/buscador_20179478954\/corteconstitucionalcronologico202454587\/category\/buscar-en-toda-la-corte\/2018\/tutelas-2018\/' title='Tutelas 2018' class='pt-cv-tax-tutelas-2018'>Tutelas 2018<\/a><\/div>\n<h4 class=\"pt-cv-title\"><a href=\"https:\/\/www.dmsjuridica.com\/buscador_20179478954\/corteconstitucionalcronologico202454587\/t-158-18\/\" class=\"_self\" target=\"_self\" >T-158-18<\/a><\/h4>\n<div class=\"pt-cv-content\">\u00a0 \u00a0 \u00a0 \u00a0 \u00a0T-158-18 \u00a0 \u00a0 \u00a0 \u00a0 \u00a0 \u00a0\u00a0 Sentencia T-158\/18 \u00a0 \u00a0 ACCION DE TUTELA CONTRA \u00a0 PROVIDENCIAS JUDICIALES-Reiteraci\u00f3n de jurisprudencia sobre procedencia excepcional\u00a0 \u00a0 \u00a0 ACCION DE TUTELA CONTRA \u00a0 PROVIDENCIAS JUDICIALES-Requisitos generales y especiales de procedibilidad \u00a0 \u00a0 CARACTERIZACION DEL DEFECTO \u00a0 FACTICO COMO CAUSAL ESPECIFICA DE PROCEDIBILIDAD DE LA ACCION DE TUTELA CONTRA \u00a0 PROVIDENCIAS JUDICIALES \u00a0 \u00a0 El defecto f\u00e1ctico se configura cuando: (i) existe \u00a0 una omisi\u00f3n en el decreto de pruebas que eran necesarias en el proceso; (ii) se \u00a0 verifica una valoraci\u00f3n caprichosa y arbitraria de las pruebas presentadas; o ...<br \/><div class=\"pt-cv-rmwrap\"><a href=\"https:\/\/www.dmsjuridica.com\/buscador_20179478954\/corteconstitucionalcronologico202454587\/t-158-18\/\" class=\"_self pt-cv-readmore btn btn-success\" target=\"_self\">Ver Sentencia Completa...<\/a><\/div><\/div><\/div><\/div>\n<div class=\"col-md-12 col-sm-12 col-xs-12 pt-cv-content-item pt-cv-1-col\" ><div class='pt-cv-ifield'><a href=\"https:\/\/www.dmsjuridica.com\/buscador_20179478954\/corteconstitucionalcronologico202454587\/t-155-18\/\" class=\"_self pt-cv-href-thumbnail pt-cv-thumb-default\" target=\"_self\" ><\/a>\n<div class=\"pt-cv-taxoterm above_title\"><a href='https:\/\/www.dmsjuridica.com\/buscador_20179478954\/corteconstitucionalcronologico202454587\/category\/buscar-en-toda-la-corte\/2018\/tutelas-2018\/' title='Tutelas 2018' class='pt-cv-tax-tutelas-2018'>Tutelas 2018<\/a><\/div>\n<h4 class=\"pt-cv-title\"><a href=\"https:\/\/www.dmsjuridica.com\/buscador_20179478954\/corteconstitucionalcronologico202454587\/t-155-18\/\" class=\"_self\" target=\"_self\" >T-155-18<\/a><\/h4>\n<div class=\"pt-cv-content\">\u00a0 \u00a0 \u00a0 \u00a0 \u00a0T-155-18 \u00a0 \u00a0 \u00a0 \u00a0 \u00a0 \u00a0\u00a0 ACCION DE TUTELA PARA \u00a0 RECLAMAR EL RECONOCIMIENTO Y PAGO DE DERECHOS PENSIONALES-Reglas \u00a0 jurisprudenciales para la procedencia \u00a0 \u00a0 La \u00a0 acci\u00f3n de tutela procede excepcionalmente para obtener el reconocimiento y pago \u00a0 de una pensi\u00f3n cuando se demuestra que: (i) los medios judiciales no son id\u00f3neos \u00a0 ni eficaces para lograr la protecci\u00f3n inmediata e integral de los derechos \u00a0 fundamentales presuntamente vulnerados , (ii) el no reconocimiento y pago de la \u00a0 prestaci\u00f3n, afecta los derechos fundamentales del solicitante, en particular de \u00a0 su derecho al ...<br \/><div class=\"pt-cv-rmwrap\"><a href=\"https:\/\/www.dmsjuridica.com\/buscador_20179478954\/corteconstitucionalcronologico202454587\/t-155-18\/\" class=\"_self pt-cv-readmore btn btn-success\" target=\"_self\">Ver Sentencia Completa...<\/a><\/div><\/div><\/div><\/div>\n<div class=\"col-md-12 col-sm-12 col-xs-12 pt-cv-content-item pt-cv-1-col\" ><div class='pt-cv-ifield'><a href=\"https:\/\/www.dmsjuridica.com\/buscador_20179478954\/corteconstitucionalcronologico202454587\/t-154-18\/\" class=\"_self pt-cv-href-thumbnail pt-cv-thumb-default\" target=\"_self\" ><\/a>\n<div class=\"pt-cv-taxoterm above_title\"><a href='https:\/\/www.dmsjuridica.com\/buscador_20179478954\/corteconstitucionalcronologico202454587\/category\/buscar-en-toda-la-corte\/2018\/tutelas-2018\/' title='Tutelas 2018' class='pt-cv-tax-tutelas-2018'>Tutelas 2018<\/a><\/div>\n<h4 class=\"pt-cv-title\"><a href=\"https:\/\/www.dmsjuridica.com\/buscador_20179478954\/corteconstitucionalcronologico202454587\/t-154-18\/\" class=\"_self\" target=\"_self\" >T-154-18<\/a><\/h4>\n<div class=\"pt-cv-content\">\u00a0 \u00a0 \u00a0 \u00a0 \u00a0T-154-18 \u00a0 \u00a0 \u00a0 \u00a0 \u00a0 \u00a0\u00a0 Sentencia T-154\/18 \u00a0 \u00a0 ACCION DE TUTELA CONTRA ACTOS ADMINISTRATIVOS DE \u00a0 CARACTER PARTICULAR Y CONCRETO-Procedencia \u00a0 excepcional \u00a0 \u00a0 DEBIDO PROCESO ADMINISTRATIVO EN MATERIA PENSIONAL-Derecho fundamental \u00a0 \u00a0 PRINCIPIO DE JUSTICIA MATERIAL Y PREVALENCIA DEL \u00a0 DERECHO SUSTANCIAL-Aplicaci\u00f3n \u00a0 \u00a0 PRINCIPIO DE JUSTICIA MATERIAL Y PREVALENCIA DEL \u00a0 DERECHO SUSTANCIAL-Exceso ritual \u00a0 manifiesto \u00a0 \u00a0 EXCESO RITUAL MANIFIESTO-Noci\u00f3n \u00a0 \u00a0 El exceso ritual manifiesto ha sido entendido como la\u00a0\u201caplicaci\u00f3n desproporcionada de una \u00a0 ritualidad o formalismo,\u00a0que conlleva desconocer\u00a0la verdad objetiva de los \u00a0 hechos puestos en consideraci\u00f3n del ...<br \/><div class=\"pt-cv-rmwrap\"><a href=\"https:\/\/www.dmsjuridica.com\/buscador_20179478954\/corteconstitucionalcronologico202454587\/t-154-18\/\" class=\"_self pt-cv-readmore btn btn-success\" target=\"_self\">Ver Sentencia Completa...<\/a><\/div><\/div><\/div><\/div>\n<div class=\"col-md-12 col-sm-12 col-xs-12 pt-cv-content-item pt-cv-1-col\" ><div class='pt-cv-ifield'><a href=\"https:\/\/www.dmsjuridica.com\/buscador_20179478954\/corteconstitucionalcronologico202454587\/t-149-18\/\" class=\"_self pt-cv-href-thumbnail pt-cv-thumb-default\" target=\"_self\" ><\/a>\n<div class=\"pt-cv-taxoterm above_title\"><a href='https:\/\/www.dmsjuridica.com\/buscador_20179478954\/corteconstitucionalcronologico202454587\/category\/buscar-en-toda-la-corte\/2018\/tutelas-2018\/' title='Tutelas 2018' class='pt-cv-tax-tutelas-2018'>Tutelas 2018<\/a><\/div>\n<h4 class=\"pt-cv-title\"><a href=\"https:\/\/www.dmsjuridica.com\/buscador_20179478954\/corteconstitucionalcronologico202454587\/t-149-18\/\" class=\"_self\" target=\"_self\" >T-149-18<\/a><\/h4>\n<div class=\"pt-cv-content\">\u00a0 \u00a0 \u00a0 \u00a0 \u00a0T-149-18 \u00a0 \u00a0 \u00a0 \u00a0 \u00a0 \u00a0\u00a0 Sentencia T-149\/18 \u00a0 \u00a0 CARENCIA ACTUAL DE OBJETO-Fen\u00f3meno que se configura en los siguientes eventos: hecho \u00a0 superado, da\u00f1o consumado o situaci\u00f3n sobreviniente \u00a0 \u00a0 CARENCIA ACTUAL DE OBJETO POR HECHO SUPERADO-Configuraci\u00f3n \u00a0 \u00a0 CARENCIA ACTUAL DE OBJETO POR HECHO SUPERADO-Se reconoci\u00f3 pensi\u00f3n de \u00a0 vejez \u00a0 \u00a0 La \u00a0 solicitud pensional interpuesta por el accionante, en ejercicio del derecho \u00a0 fundamental de petici\u00f3n, ya fue resuelta por COLFONDOS y la respuesta, a su vez, \u00a0 notificada al actor. \u00a0 \u00a0 DERECHO DE ACCESO A LA ADMINISTRACION DE JUSTICIA-Alcance ...<br \/><div class=\"pt-cv-rmwrap\"><a href=\"https:\/\/www.dmsjuridica.com\/buscador_20179478954\/corteconstitucionalcronologico202454587\/t-149-18\/\" class=\"_self pt-cv-readmore btn btn-success\" target=\"_self\">Ver Sentencia Completa...<\/a><\/div><\/div><\/div><\/div>\n<div class=\"col-md-12 col-sm-12 col-xs-12 pt-cv-content-item pt-cv-1-col\" ><div class='pt-cv-ifield'><a href=\"https:\/\/www.dmsjuridica.com\/buscador_20179478954\/corteconstitucionalcronologico202454587\/t-148-18\/\" class=\"_self pt-cv-href-thumbnail pt-cv-thumb-default\" target=\"_self\" ><\/a>\n<div class=\"pt-cv-taxoterm above_title\"><a href='https:\/\/www.dmsjuridica.com\/buscador_20179478954\/corteconstitucionalcronologico202454587\/category\/buscar-en-toda-la-corte\/2018\/tutelas-2018\/' title='Tutelas 2018' class='pt-cv-tax-tutelas-2018'>Tutelas 2018<\/a><\/div>\n<h4 class=\"pt-cv-title\"><a href=\"https:\/\/www.dmsjuridica.com\/buscador_20179478954\/corteconstitucionalcronologico202454587\/t-148-18\/\" class=\"_self\" target=\"_self\" >T-148-18<\/a><\/h4>\n<div class=\"pt-cv-content\">\u00a0 \u00a0 \u00a0 \u00a0 \u00a0T-148-18 \u00a0 \u00a0 \u00a0 \u00a0 \u00a0 \u00a0\u00a0 Sentencia T-148\/18 \u00a0 \u00a0\u00a0 FISCALIA GENERAL DE LA NACION-Funci\u00f3n primordial \u00a0 \u00a0 El \u00a0 art\u00edculo 200 de la Ley 906 de 2004 reitera que la funci\u00f3n de la Fiscal\u00eda General \u00a0 de la Naci\u00f3n es la de indagar e investigar aquellos hechos que revistan las \u201ccaracter\u00edsticas \u00a0 de un delito\u201d. \u00a0 \u00a0 ACCESO A LA ADMINISTRACION DE JUSTICIA-Caso en que se \u00a0 solicita a la Fiscal\u00eda asumir conocimiento de denuncia por la presunta conducta \u00a0 delictiva de \u201camenaza\u201d \u00a0 \u00a0 ACCESO A LA ADMINISTRACION DE JUSTICIA-Margen de libre \u00a0 ...<br \/><div class=\"pt-cv-rmwrap\"><a href=\"https:\/\/www.dmsjuridica.com\/buscador_20179478954\/corteconstitucionalcronologico202454587\/t-148-18\/\" class=\"_self pt-cv-readmore btn btn-success\" target=\"_self\">Ver Sentencia Completa...<\/a><\/div><\/div><\/div><\/div>\n<div class=\"col-md-12 col-sm-12 col-xs-12 pt-cv-content-item pt-cv-1-col\" ><div class='pt-cv-ifield'><a href=\"https:\/\/www.dmsjuridica.com\/buscador_20179478954\/corteconstitucionalcronologico202454587\/t-143-18\/\" class=\"_self pt-cv-href-thumbnail pt-cv-thumb-default\" target=\"_self\" ><\/a>\n<div class=\"pt-cv-taxoterm above_title\"><a href='https:\/\/www.dmsjuridica.com\/buscador_20179478954\/corteconstitucionalcronologico202454587\/category\/buscar-en-toda-la-corte\/2018\/tutelas-2018\/' title='Tutelas 2018' class='pt-cv-tax-tutelas-2018'>Tutelas 2018<\/a><\/div>\n<h4 class=\"pt-cv-title\"><a href=\"https:\/\/www.dmsjuridica.com\/buscador_20179478954\/corteconstitucionalcronologico202454587\/t-143-18\/\" class=\"_self\" target=\"_self\" >T-143-18<\/a><\/h4>\n<div class=\"pt-cv-content\">\u00a0 \u00a0 \u00a0 \u00a0 \u00a0T-143-18 \u00a0 \u00a0 \u00a0 \u00a0 \u00a0 \u00a0\u00a0 Sentencia T-143\/18 \u00a0 \u00a0 ACCION DE TUTELA PARA SOLICITAR LA PROTECCION DE LA IDENTIDAD DE GENERO-Caso \u00a0 en que trabajador transg\u00e9nero solicita autorizaci\u00f3n para utilizar uniforme femenino con una \u00a0 variaci\u00f3n que consist\u00eda en usar pantal\u00f3n de hombre u otra opci\u00f3n que no atentara \u00a0 en contra de su identidad sexual \u00a0 \u00a0 El derecho a \u00a0 tener una identidad de g\u00e9nero se ha conceptualizado como\u00a0\u201cla \u00a0 vivencia interna e individual del g\u00e9nero tal como cada persona la experimenta \u00a0 profundamente, la cual podr\u00eda corresponder o no con el ...<br \/><div class=\"pt-cv-rmwrap\"><a href=\"https:\/\/www.dmsjuridica.com\/buscador_20179478954\/corteconstitucionalcronologico202454587\/t-143-18\/\" class=\"_self pt-cv-readmore btn btn-success\" target=\"_self\">Ver Sentencia Completa...<\/a><\/div><\/div><\/div><\/div>\n<div class=\"col-md-12 col-sm-12 col-xs-12 pt-cv-content-item pt-cv-1-col\" ><div class='pt-cv-ifield'><a href=\"https:\/\/www.dmsjuridica.com\/buscador_20179478954\/corteconstitucionalcronologico202454587\/t-130-18\/\" class=\"_self pt-cv-href-thumbnail pt-cv-thumb-default\" target=\"_self\" ><\/a>\n<div class=\"pt-cv-taxoterm above_title\"><a href='https:\/\/www.dmsjuridica.com\/buscador_20179478954\/corteconstitucionalcronologico202454587\/category\/buscar-en-toda-la-corte\/2018\/tutelas-2018\/' title='Tutelas 2018' class='pt-cv-tax-tutelas-2018'>Tutelas 2018<\/a><\/div>\n<h4 class=\"pt-cv-title\"><a href=\"https:\/\/www.dmsjuridica.com\/buscador_20179478954\/corteconstitucionalcronologico202454587\/t-130-18\/\" class=\"_self\" target=\"_self\" >T-130-18<\/a><\/h4>\n<div class=\"pt-cv-content\">\u00a0 \u00a0 \u00a0 \u00a0 \u00a0T-130-18 \u00a0 \u00a0 \u00a0 \u00a0 \u00a0 \u00a0\u00a0 Sentencia T-130\/18 \u00a0 \u00a0 CARENCIA ACTUAL DE OBJETO-Fen\u00f3meno que se \u00a0 configura en los siguientes eventos: hecho superado, da\u00f1o consumado o situaci\u00f3n \u00a0 sobreviniente \u00a0 \u00a0 CARENCIA ACTUAL DE OBJETO POR HECHO SUPERADO-Configuraci\u00f3n \u00a0 \u00a0 CARENCIA ACTUAL DE OBJETO POR HECHO SUPERADO-Se da continuidad al tratamiento y \u00a0 seguimiento para trasplante de ri\u00f1\u00f3n \u00a0 \u00a0 La Sala \u00a0 advierte la presencia de un \u201checho superado\u201d, que conlleva a una carencia de \u00a0 objeto del presente tr\u00e1mite, representado en que se ha autorizado la cita con \u00a0 medicina especializada requerida ...<br \/><div class=\"pt-cv-rmwrap\"><a href=\"https:\/\/www.dmsjuridica.com\/buscador_20179478954\/corteconstitucionalcronologico202454587\/t-130-18\/\" class=\"_self pt-cv-readmore btn btn-success\" target=\"_self\">Ver Sentencia Completa...<\/a><\/div><\/div><\/div><\/div>\n<div class=\"col-md-12 col-sm-12 col-xs-12 pt-cv-content-item pt-cv-1-col\" ><div class='pt-cv-ifield'><a href=\"https:\/\/www.dmsjuridica.com\/buscador_20179478954\/corteconstitucionalcronologico202454587\/t-129-18\/\" class=\"_self pt-cv-href-thumbnail pt-cv-thumb-default\" target=\"_self\" ><\/a>\n<div class=\"pt-cv-taxoterm above_title\"><a href='https:\/\/www.dmsjuridica.com\/buscador_20179478954\/corteconstitucionalcronologico202454587\/category\/buscar-en-toda-la-corte\/2018\/tutelas-2018\/' title='Tutelas 2018' class='pt-cv-tax-tutelas-2018'>Tutelas 2018<\/a><\/div>\n<h4 class=\"pt-cv-title\"><a href=\"https:\/\/www.dmsjuridica.com\/buscador_20179478954\/corteconstitucionalcronologico202454587\/t-129-18\/\" class=\"_self\" target=\"_self\" >T-129-18<\/a><\/h4>\n<div class=\"pt-cv-content\">\u00a0 \u00a0 \u00a0 \u00a0 \u00a0T-129-18 \u00a0 \u00a0 \u00a0 \u00a0 \u00a0 \u00a0\u00a0 Sentencia T-129\/18 \u00a0 \u00a0 PRINCIPIOS DE RAZONABILIDAD Y PROPORCIONALIDAD PARA AUTORIZAR O LIMITAR \u00a0 LA VISITA INTIMA EN CENTROS CARCELARIOS-Aplicaci\u00f3n \u00a0 \u00a0 Este Tribunal ha sostenido \u00a0 que las visitas \u00edntimas pueden ser\u00a0objeto de restricciones \u201cen procura de la seguridad, orden y \u00a0 salubridad, que posibiliten a los establecimientos carcelarios cumplir con su \u00a0 finalidad\u201d, as\u00ed como por el r\u00e9gimen disciplinario establecido al interior de \u00a0 cada establecimiento. Ha aclarado que las visitas pueden ser limitadas \u00a0 temporalmente\u00a0como consecuencia de una sanci\u00f3n disciplinaria por incurrir en \u00a0 faltas previstas ...<br \/><div class=\"pt-cv-rmwrap\"><a href=\"https:\/\/www.dmsjuridica.com\/buscador_20179478954\/corteconstitucionalcronologico202454587\/t-129-18\/\" class=\"_self pt-cv-readmore btn btn-success\" target=\"_self\">Ver Sentencia Completa...<\/a><\/div><\/div><\/div><\/div>\n<div class=\"col-md-12 col-sm-12 col-xs-12 pt-cv-content-item pt-cv-1-col\" ><div class='pt-cv-ifield'><a href=\"https:\/\/www.dmsjuridica.com\/buscador_20179478954\/corteconstitucionalcronologico202454587\/t-126-18\/\" class=\"_self pt-cv-href-thumbnail pt-cv-thumb-default\" target=\"_self\" ><\/a>\n<div class=\"pt-cv-taxoterm above_title\"><a href='https:\/\/www.dmsjuridica.com\/buscador_20179478954\/corteconstitucionalcronologico202454587\/category\/buscar-en-toda-la-corte\/2018\/tutelas-2018\/' title='Tutelas 2018' class='pt-cv-tax-tutelas-2018'>Tutelas 2018<\/a><\/div>\n<h4 class=\"pt-cv-title\"><a href=\"https:\/\/www.dmsjuridica.com\/buscador_20179478954\/corteconstitucionalcronologico202454587\/t-126-18\/\" class=\"_self\" target=\"_self\" >T-126-18<\/a><\/h4>\n<div class=\"pt-cv-content\">\u00a0 \u00a0 \u00a0 \u00a0 \u00a0T-126-18 \u00a0 \u00a0 \u00a0 \u00a0 \u00a0 \u00a0\u00a0 Sentencia \u00a0 T-126\/18\u00a0\u00a0\u00a0\u00a0\u00a0\u00a0\u00a0 \u00a0 \u00a0 \u00a0 ACCION DE TUTELA CONTRA PROVIDENCIAS JUDICIALES-Reiteraci\u00f3n de jurisprudencia sobre procedencia excepcional\u00a0 \u00a0 \u00a0 ACCION DE TUTELA CONTRA PROVIDENCIAS JUDICIALES-Requisitos generales y especiales de procedibilidad \u00a0 \u00a0 DISCRIMINACION Y VIOLENCIA CONTRA LA MUJER-Protecci\u00f3n a trav\u00e9s de mecanismos internacionales \u00a0 \u00a0 Tratados internacionales de derechos humanos establecen \u00a0 expresamente la prohibici\u00f3n de la violencia contra la mujer. \u00a0 \u00a0 VIOLENCIA SEXUAL CONTRA LAS MUJERES EN EL CONFLICTO ARMADO-Constituye violencia de g\u00e9nero \u00a0 \u00a0 INVESTIGACION Y JUZGAMIENTO DE CASOS DE VIOLENCIA SEXUAL-Valoraci\u00f3n probatoria \u00a0 \u00a0 VICTIMAS ...<br \/><div class=\"pt-cv-rmwrap\"><a href=\"https:\/\/www.dmsjuridica.com\/buscador_20179478954\/corteconstitucionalcronologico202454587\/t-126-18\/\" class=\"_self pt-cv-readmore btn btn-success\" target=\"_self\">Ver Sentencia Completa...<\/a><\/div><\/div><\/div><\/div>\n<div class=\"col-md-12 col-sm-12 col-xs-12 pt-cv-content-item pt-cv-1-col\" ><div class='pt-cv-ifield'><a href=\"https:\/\/www.dmsjuridica.com\/buscador_20179478954\/corteconstitucionalcronologico202454587\/t-125-18\/\" class=\"_self pt-cv-href-thumbnail pt-cv-thumb-default\" target=\"_self\" ><\/a>\n<div class=\"pt-cv-taxoterm above_title\"><a href='https:\/\/www.dmsjuridica.com\/buscador_20179478954\/corteconstitucionalcronologico202454587\/category\/buscar-en-toda-la-corte\/2018\/tutelas-2018\/' title='Tutelas 2018' class='pt-cv-tax-tutelas-2018'>Tutelas 2018<\/a><\/div>\n<h4 class=\"pt-cv-title\"><a href=\"https:\/\/www.dmsjuridica.com\/buscador_20179478954\/corteconstitucionalcronologico202454587\/t-125-18\/\" class=\"_self\" target=\"_self\" >T-125-18<\/a><\/h4>\n<div class=\"pt-cv-content\">\u00a0 \u00a0 \u00a0 \u00a0 \u00a0T-125-18 \u00a0 \u00a0 \u00a0 \u00a0 \u00a0 \u00a0\u00a0 Sentencia T-125\/18 \u00a0 \u00a0 DERECHO FUNDAMENTAL A \u00a0 LA SEGURIDAD SOCIAL Y PROTECCION POR MEDIO DE ACCION DE TUTELA-Procedencia excepcional \u00a0 \u00a0 CONDICIONES \u00a0 CONSTITUCIONALES PARA LA PROCEDENCIA EXCEPCIONAL DE LA ACCION DE TUTELA FRENTE \u00a0 AL RECONOCIMIENTO DE PENSIONES \u00a0 \u00a0 PENSION DE VEJEZ Y \u00a0 REGIMEN DE TRANSICION PREVISTO EN LA LEY 100\/93-Reiteraci\u00f3n de jurisprudencia \u00a0 \u00a0 La pensi\u00f3n de \u00a0 vejez fue instituida como un mecanismo de protecci\u00f3n para aquellos trabajadores \u00a0 que durante su vida laboral ahorraron con el fin de obtener, llegado el momento, ...<br \/><div class=\"pt-cv-rmwrap\"><a href=\"https:\/\/www.dmsjuridica.com\/buscador_20179478954\/corteconstitucionalcronologico202454587\/t-125-18\/\" class=\"_self pt-cv-readmore btn btn-success\" target=\"_self\">Ver Sentencia Completa...<\/a><\/div><\/div><\/div><\/div>\n<div class=\"col-md-12 col-sm-12 col-xs-12 pt-cv-content-item pt-cv-1-col\" ><div class='pt-cv-ifield'><a href=\"https:\/\/www.dmsjuridica.com\/buscador_20179478954\/corteconstitucionalcronologico202454587\/t-122-18\/\" class=\"_self pt-cv-href-thumbnail pt-cv-thumb-default\" target=\"_self\" ><\/a>\n<div class=\"pt-cv-taxoterm above_title\"><a href='https:\/\/www.dmsjuridica.com\/buscador_20179478954\/corteconstitucionalcronologico202454587\/category\/buscar-en-toda-la-corte\/2018\/tutelas-2018\/' title='Tutelas 2018' class='pt-cv-tax-tutelas-2018'>Tutelas 2018<\/a><\/div>\n<h4 class=\"pt-cv-title\"><a href=\"https:\/\/www.dmsjuridica.com\/buscador_20179478954\/corteconstitucionalcronologico202454587\/t-122-18\/\" class=\"_self\" target=\"_self\" >T-122-18<\/a><\/h4>\n<div class=\"pt-cv-content\">\u00a0 \u00a0 \u00a0 \u00a0 \u00a0T-122-18 \u00a0 \u00a0 \u00a0 \u00a0 \u00a0 \u00a0\u00a0 Sentencia T-122\/18 \u00a0 \u00a0 INTERES SUPERIOR DEL MENOR Y PROTECCION DE NI\u00d1OS, NI\u00d1AS Y ADOLESCENTES-Protecci\u00f3n constitucional e internacional \u00a0 \u00a0 ESTRATEGIA DE ATENCION INTEGRAL A LA PRIMERA INFANCIA DE CERO A SIEMPRE-Marco legal y reglamentario \u00a0 \u00a0 A \u00a0 trav\u00e9s de la pol\u00edtica\u00a0\u2018De cero a siempre\u2019,\u00a0el Estado colombiano asumi\u00f3 la \u00a0 obligaci\u00f3n de trabajar para que, entre otras cosas, cada ni\u00f1o y ni\u00f1a menor de \u00a0 seis a\u00f1os de edad \u00a0 disfrute del nivel m\u00e1s alto posible de salud, goce y mantenga un estado \u00a0 nutricional adecuado y crezca ...<br \/><div class=\"pt-cv-rmwrap\"><a href=\"https:\/\/www.dmsjuridica.com\/buscador_20179478954\/corteconstitucionalcronologico202454587\/t-122-18\/\" class=\"_self pt-cv-readmore btn btn-success\" target=\"_self\">Ver Sentencia Completa...<\/a><\/div><\/div><\/div><\/div>\n<div class=\"col-md-12 col-sm-12 col-xs-12 pt-cv-content-item pt-cv-1-col\" ><div class='pt-cv-ifield'><a href=\"https:\/\/www.dmsjuridica.com\/buscador_20179478954\/corteconstitucionalcronologico202454587\/t-121-18\/\" class=\"_self pt-cv-href-thumbnail pt-cv-thumb-default\" target=\"_self\" ><\/a>\n<div class=\"pt-cv-taxoterm above_title\"><a href='https:\/\/www.dmsjuridica.com\/buscador_20179478954\/corteconstitucionalcronologico202454587\/category\/buscar-en-toda-la-corte\/2018\/tutelas-2018\/' title='Tutelas 2018' class='pt-cv-tax-tutelas-2018'>Tutelas 2018<\/a><\/div>\n<h4 class=\"pt-cv-title\"><a href=\"https:\/\/www.dmsjuridica.com\/buscador_20179478954\/corteconstitucionalcronologico202454587\/t-121-18\/\" class=\"_self\" target=\"_self\" >T-121-18<\/a><\/h4>\n<div class=\"pt-cv-content\">\u00a0 \u00a0 \u00a0 \u00a0 \u00a0T-121-18 \u00a0 \u00a0 \u00a0 \u00a0 \u00a0 \u00a0\u00a0 Sentencia T-121\/18 \u00a0 \u00a0 DERECHO A LA HONRA Y \u00a0 AL BUEN NOMBRE EN REDES SOCIALES-Casos en que se solicita rectificaci\u00f3n de \u00a0 informaci\u00f3n difundida y eliminaci\u00f3n de video de la plataforma YouTube\u00a0 \u00a0 \u00a0 DERECHO A LA RECTIFICACION DE INFORMACION-Garant\u00eda constitucional \u00a0 \u00a0 DERECHO DE RECTIFICACION DE INFORMACION-Solicitud previa como requisito de procedencia de la acci\u00f3n de \u00a0 tutela \u00a0 \u00a0 Como regla general, la solicitud de rectificaci\u00f3n previa al \u00a0 particular es exigible respecto de aquellos que tengan el car\u00e1cter de medios \u00a0 masivos de comunicaci\u00f3n. La ...<br \/><div class=\"pt-cv-rmwrap\"><a href=\"https:\/\/www.dmsjuridica.com\/buscador_20179478954\/corteconstitucionalcronologico202454587\/t-121-18\/\" class=\"_self pt-cv-readmore btn btn-success\" target=\"_self\">Ver Sentencia Completa...<\/a><\/div><\/div><\/div><\/div>\n<div class=\"col-md-12 col-sm-12 col-xs-12 pt-cv-content-item pt-cv-1-col\" ><div class='pt-cv-ifield'><a href=\"https:\/\/www.dmsjuridica.com\/buscador_20179478954\/corteconstitucionalcronologico202454587\/t-118-18\/\" class=\"_self pt-cv-href-thumbnail pt-cv-thumb-default\" target=\"_self\" ><\/a>\n<div class=\"pt-cv-taxoterm above_title\"><a href='https:\/\/www.dmsjuridica.com\/buscador_20179478954\/corteconstitucionalcronologico202454587\/category\/buscar-en-toda-la-corte\/2018\/tutelas-2018\/' title='Tutelas 2018' class='pt-cv-tax-tutelas-2018'>Tutelas 2018<\/a><\/div>\n<h4 class=\"pt-cv-title\"><a href=\"https:\/\/www.dmsjuridica.com\/buscador_20179478954\/corteconstitucionalcronologico202454587\/t-118-18\/\" class=\"_self\" target=\"_self\" >T-118-18<\/a><\/h4>\n<div class=\"pt-cv-content\">\u00a0 \u00a0 \u00a0 \u00a0 \u00a0T-118-18 \u00a0 \u00a0 \u00a0 \u00a0 \u00a0 \u00a0\u00a0 ACCION DE TUTELA PARA SOLICITAR \u00a0 PROTECCION DEL DERECHO AL AGUA-Procedencia excepcional \u00a0 \u00a0 Seg\u00fan la jurisprudencia actual de la \u00a0 Corte Constitucional, el derecho fundamental al agua puede ser amparado a trav\u00e9s \u00a0 de la acci\u00f3n de tutela de manera independiente cuando el acceso de una persona a \u00a0 este recurso, para su uso personal o dom\u00e9stico, se ve afectado en alguna de las \u00a0 condiciones m\u00ednimas establecidas por la Observaci\u00f3n General No. 15 del CDESC. \u00a0 \u00a0 DERECHO FUNDAMENTAL AL AGUA POTABLE-Contenido y naturaleza jur\u00eddica \u00a0 \u00a0 ...<br \/><div class=\"pt-cv-rmwrap\"><a href=\"https:\/\/www.dmsjuridica.com\/buscador_20179478954\/corteconstitucionalcronologico202454587\/t-118-18\/\" class=\"_self pt-cv-readmore btn btn-success\" target=\"_self\">Ver Sentencia Completa...<\/a><\/div><\/div><\/div><\/div>\n<div class=\"col-md-12 col-sm-12 col-xs-12 pt-cv-content-item pt-cv-1-col\" ><div class='pt-cv-ifield'><a href=\"https:\/\/www.dmsjuridica.com\/buscador_20179478954\/corteconstitucionalcronologico202454587\/t-117-18\/\" class=\"_self pt-cv-href-thumbnail pt-cv-thumb-default\" target=\"_self\" ><\/a>\n<div class=\"pt-cv-taxoterm above_title\"><a href='https:\/\/www.dmsjuridica.com\/buscador_20179478954\/corteconstitucionalcronologico202454587\/category\/buscar-en-toda-la-corte\/2018\/tutelas-2018\/' title='Tutelas 2018' class='pt-cv-tax-tutelas-2018'>Tutelas 2018<\/a><\/div>\n<h4 class=\"pt-cv-title\"><a href=\"https:\/\/www.dmsjuridica.com\/buscador_20179478954\/corteconstitucionalcronologico202454587\/t-117-18\/\" class=\"_self\" target=\"_self\" >T-117-18<\/a><\/h4>\n<div class=\"pt-cv-content\">\u00a0 \u00a0 \u00a0 \u00a0 \u00a0T-117-18 \u00a0 \u00a0 \u00a0 \u00a0 \u00a0 \u00a0\u00a0 COMPETENCIA A PREVENCION-Cualquier juez competente debe conocer la acci\u00f3n de tutela \u00a0 independiente de cual haya sido la especialidad del juez escogido por el actor \u00a0 \u00a0 PRINCIPIO PERPETUATIO JURISDICTIONIS-No puede alterarse la competencia \u00a0 de la acci\u00f3n de tutela pues se afectar\u00eda la protecci\u00f3n inmediata de los derechos \u00a0 fundamentales \u00a0 \u00a0 ACCION DE TUTELA CONTRA PARTICULARES CUANDO EL AFECTADO SE ENCUENTRA EN ESTADO \u00a0 DE INDEFENSION-Lineamientos constitucionales para establecer si una persona \u00a0 se encuentra en estado de indefensi\u00f3n \u00a0 \u00a0 Cuando el solicitante se \u00a0 halle ...<br \/><div class=\"pt-cv-rmwrap\"><a href=\"https:\/\/www.dmsjuridica.com\/buscador_20179478954\/corteconstitucionalcronologico202454587\/t-117-18\/\" class=\"_self pt-cv-readmore btn btn-success\" target=\"_self\">Ver Sentencia Completa...<\/a><\/div><\/div><\/div><\/div>\n<div class=\"col-md-12 col-sm-12 col-xs-12 pt-cv-content-item pt-cv-1-col\" ><div class='pt-cv-ifield'><a href=\"https:\/\/www.dmsjuridica.com\/buscador_20179478954\/corteconstitucionalcronologico202454587\/t-115-18\/\" class=\"_self pt-cv-href-thumbnail pt-cv-thumb-default\" target=\"_self\" ><\/a>\n<div class=\"pt-cv-taxoterm above_title\"><a href='https:\/\/www.dmsjuridica.com\/buscador_20179478954\/corteconstitucionalcronologico202454587\/category\/buscar-en-toda-la-corte\/2018\/tutelas-2018\/' title='Tutelas 2018' class='pt-cv-tax-tutelas-2018'>Tutelas 2018<\/a><\/div>\n<h4 class=\"pt-cv-title\"><a href=\"https:\/\/www.dmsjuridica.com\/buscador_20179478954\/corteconstitucionalcronologico202454587\/t-115-18\/\" class=\"_self\" target=\"_self\" >T-115-18<\/a><\/h4>\n<div class=\"pt-cv-content\">Sentencia T-115\/18 \u00a0 \u00a0 PRINCIPIO DE LEGALIDAD-Hace parte del n\u00facleo esencial del derecho al debido proceso \u00a0 \u00a0 DEBIDO PROCESO-Contenido como presupuesto de toda actuaci\u00f3n judicial o \u00a0 administrativa \u00a0 \u00a0 ACCION DE TUTELA PARA RECONOCIMIENTO DE PENSION DE INVALIDEZ-Improcedencia por existir otro medio de defensa judicial y no \u00a0 acreditar perjuicio irremediable\u00a0\u00a0\u00a0 \u00a0 \u00a0 La pretensi\u00f3n de la accionante carece de la claridad m\u00ednima \u00a0 necesaria para determinar si efectivamente es acreedora del derecho pensional \u00a0 reclamado en sede de tutela o si, por el contrario, no logra satisfacer los \u00a0 requisitos legalmente establecidos para ello. Por lo anterior, ...<br \/><div class=\"pt-cv-rmwrap\"><a href=\"https:\/\/www.dmsjuridica.com\/buscador_20179478954\/corteconstitucionalcronologico202454587\/t-115-18\/\" class=\"_self pt-cv-readmore btn btn-success\" target=\"_self\">Ver Sentencia Completa...<\/a><\/div><\/div><\/div><\/div>\n<div class=\"col-md-12 col-sm-12 col-xs-12 pt-cv-content-item pt-cv-1-col\" ><div class='pt-cv-ifield'><a href=\"https:\/\/www.dmsjuridica.com\/buscador_20179478954\/corteconstitucionalcronologico202454587\/t-114-18\/\" class=\"_self pt-cv-href-thumbnail pt-cv-thumb-default\" target=\"_self\" ><\/a>\n<div class=\"pt-cv-taxoterm above_title\"><a href='https:\/\/www.dmsjuridica.com\/buscador_20179478954\/corteconstitucionalcronologico202454587\/category\/buscar-en-toda-la-corte\/2018\/tutelas-2018\/' title='Tutelas 2018' class='pt-cv-tax-tutelas-2018'>Tutelas 2018<\/a><\/div>\n<h4 class=\"pt-cv-title\"><a href=\"https:\/\/www.dmsjuridica.com\/buscador_20179478954\/corteconstitucionalcronologico202454587\/t-114-18\/\" class=\"_self\" target=\"_self\" >T-114-18<\/a><\/h4>\n<div class=\"pt-cv-content\">\u00a0 \u00a0 \u00a0 \u00a0 \u00a0T-114-18 \u00a0 \u00a0 \u00a0 \u00a0 \u00a0 \u00a0\u00a0 Sentencia \u00a0 T-114\/18 \u00a0 \u00a0 ACCESO A LA \u00a0 INFORMACION PUBLICA Y PRIVADA Y LA NATURALEZA DE LA INFORMACION RECOPILADA POR \u00a0 LOS CIRCUITOS CERRADOS DE TELEVISION \u00a0 \u00a0 CLASIFICACION DE LA \u00a0 INFORMACION-Finalidad \u00a0 \u00a0 Una de las modalidades del derecho de \u00a0 petici\u00f3n es el de petici\u00f3n de informaci\u00f3n y, en esa medida, la satisfacci\u00f3n de \u00a0 ese derecho implica una relaci\u00f3n inescindible con el acceso a la informaci\u00f3n \u00a0 como una garant\u00eda constitucional espec\u00edfica. De all\u00ed que para resolver el \u00a0 presente caso resulta necesario tener ...<br \/><div class=\"pt-cv-rmwrap\"><a href=\"https:\/\/www.dmsjuridica.com\/buscador_20179478954\/corteconstitucionalcronologico202454587\/t-114-18\/\" class=\"_self pt-cv-readmore btn btn-success\" target=\"_self\">Ver Sentencia Completa...<\/a><\/div><\/div><\/div><\/div>\n<div class=\"col-md-12 col-sm-12 col-xs-12 pt-cv-content-item pt-cv-1-col\" ><div class='pt-cv-ifield'><a href=\"https:\/\/www.dmsjuridica.com\/buscador_20179478954\/corteconstitucionalcronologico202454587\/t-112-18\/\" class=\"_self pt-cv-href-thumbnail pt-cv-thumb-default\" target=\"_self\" ><\/a>\n<div class=\"pt-cv-taxoterm above_title\"><a href='https:\/\/www.dmsjuridica.com\/buscador_20179478954\/corteconstitucionalcronologico202454587\/category\/buscar-en-toda-la-corte\/2018\/tutelas-2018\/' title='Tutelas 2018' class='pt-cv-tax-tutelas-2018'>Tutelas 2018<\/a><\/div>\n<h4 class=\"pt-cv-title\"><a href=\"https:\/\/www.dmsjuridica.com\/buscador_20179478954\/corteconstitucionalcronologico202454587\/t-112-18\/\" class=\"_self\" target=\"_self\" >T-112-18<\/a><\/h4>\n<div class=\"pt-cv-content\">\u00a0 \u00a0 \u00a0 \u00a0 \u00a0T-112-18 \u00a0 \u00a0 \u00a0 \u00a0 \u00a0 \u00a0\u00a0 Sentencia T-112\/18 \u00a0 \u00a0 DERECHO FUNDAMENTAL A LA CONSULTA PREVIA DE COMUNIDADES INDIGENAS Y GRUPOS \u00a0 ETNICOS-Contenido y alcance \u00a0 \u00a0 ACCION DE TUTELA PARA LA PROTECCION DEL DERECHO A LA CONSULTA PREVIA-Reglas de \u00a0 procedencia \u00a0 \u00a0 ACCION DE TUTELA PARA LA \u00a0 PROTECCION DEL DERECHO A LA CONSULTA PREVIA-Improcedencia por cuanto no se \u00a0 evidencia un incumplimiento de los acuerdos suscritos, sino una dilaci\u00f3n en la \u00a0 implementaci\u00f3n de los mismos \u00a0 \u00a0 Referencia: Expediente T-6.298.119 \u00a0 \u00a0 Acci\u00f3n de tutela interpuesta por Jos\u00e9 Francisco Vallejo Cussi, ...<br \/><div class=\"pt-cv-rmwrap\"><a href=\"https:\/\/www.dmsjuridica.com\/buscador_20179478954\/corteconstitucionalcronologico202454587\/t-112-18\/\" class=\"_self pt-cv-readmore btn btn-success\" target=\"_self\">Ver Sentencia Completa...<\/a><\/div><\/div><\/div><\/div>\n<div class=\"col-md-12 col-sm-12 col-xs-12 pt-cv-content-item pt-cv-1-col\" ><div class='pt-cv-ifield'><a href=\"https:\/\/www.dmsjuridica.com\/buscador_20179478954\/corteconstitucionalcronologico202454587\/t-111-18\/\" class=\"_self pt-cv-href-thumbnail pt-cv-thumb-default\" target=\"_self\" ><\/a>\n<div class=\"pt-cv-taxoterm above_title\"><a href='https:\/\/www.dmsjuridica.com\/buscador_20179478954\/corteconstitucionalcronologico202454587\/category\/buscar-en-toda-la-corte\/2018\/tutelas-2018\/' title='Tutelas 2018' class='pt-cv-tax-tutelas-2018'>Tutelas 2018<\/a><\/div>\n<h4 class=\"pt-cv-title\"><a href=\"https:\/\/www.dmsjuridica.com\/buscador_20179478954\/corteconstitucionalcronologico202454587\/t-111-18\/\" class=\"_self\" target=\"_self\" >T-111-18<\/a><\/h4>\n<div class=\"pt-cv-content\">\u00a0 \u00a0 \u00a0 \u00a0 \u00a0T-111-18 \u00a0 \u00a0 \u00a0 \u00a0 \u00a0 \u00a0\u00a0 Sentencia T-111\/18 \u00a0 \u00a0 ACCION DE TUTELA CONTRA AUTOS QUE \u00a0 DENEGARON MANDAMIENTO DE PAGO POR INSUFICIENCIA DEL TITULO EJECUTIVO \u00a0 \u00a0 ACCION DE TUTELA CONTRA PROVIDENCIAS \u00a0 JUDICIALES-Reiteraci\u00f3n \u00a0 de jurisprudencia sobre procedencia excepcional \u00a0 \u00a0 ACCION DE TUTELA CONTRA PROVIDENCIAS \u00a0 JUDICIALES-Requisitos \u00a0 generales y especiales de procedibilidad \u00a0 \u00a0 CARACTERIZACION DEL DEFECTO MATERIAL O \u00a0 SUSTANTIVO COMO CAUSAL DE PROCEDIBILIDAD DE LA ACCION DE TUTELA CONTRA \u00a0 PROVIDENCIAS JUDICIALES-Reiteraci\u00f3n de jurisprudencia \u00a0 \u00a0 DEFECTO PROCEDIMENTAL ABSOLUTO Y \u00a0 DEFECTO PROCEDIMENTAL POR EXCESO RITUAL MANIFIESTO \u00a0 \u00a0 ...<br \/><div class=\"pt-cv-rmwrap\"><a href=\"https:\/\/www.dmsjuridica.com\/buscador_20179478954\/corteconstitucionalcronologico202454587\/t-111-18\/\" class=\"_self pt-cv-readmore btn btn-success\" target=\"_self\">Ver Sentencia Completa...<\/a><\/div><\/div><\/div><\/div>\n<div class=\"col-md-12 col-sm-12 col-xs-12 pt-cv-content-item pt-cv-1-col\" ><div class='pt-cv-ifield'><a href=\"https:\/\/www.dmsjuridica.com\/buscador_20179478954\/corteconstitucionalcronologico202454587\/t-107-18\/\" class=\"_self pt-cv-href-thumbnail pt-cv-thumb-default\" target=\"_self\" ><\/a>\n<div class=\"pt-cv-taxoterm above_title\"><a href='https:\/\/www.dmsjuridica.com\/buscador_20179478954\/corteconstitucionalcronologico202454587\/category\/buscar-en-toda-la-corte\/2018\/tutelas-2018\/' title='Tutelas 2018' class='pt-cv-tax-tutelas-2018'>Tutelas 2018<\/a><\/div>\n<h4 class=\"pt-cv-title\"><a href=\"https:\/\/www.dmsjuridica.com\/buscador_20179478954\/corteconstitucionalcronologico202454587\/t-107-18\/\" class=\"_self\" target=\"_self\" >T-107-18<\/a><\/h4>\n<div class=\"pt-cv-content\">\u00a0 \u00a0 \u00a0 \u00a0 \u00a0T-107-18 \u00a0 \u00a0 \u00a0 \u00a0 \u00a0 \u00a0\u00a0 Sentencia T-107\/18 \u00a0 \u00a0\u00a0 CARENCIA \u00a0 ACTUAL DE OBJETO-Configuraci\u00f3n y caracter\u00edsticas \u00a0 \u00a0 CARENCIA ACTUAL DE OBJETO-Fen\u00f3meno que se \u00a0 configura en los siguientes eventos: hecho superado, da\u00f1o consumado o situaci\u00f3n \u00a0 sobreviniente \u00a0 \u00a0 CARENCIA ACTUAL DE OBJETO POR ACAECIMIENTO DE UNA SITUACION SOBREVINIENTE-Menor \u00a0 ya no se encuentra matriculado en instituci\u00f3n educativa a la que se solicitaba \u00a0 restablecer servicio de alimentaci\u00f3n escolar \u00a0 \u00a0 Referencia: Expediente T-6.497.782 \u00a0 \u00a0 Acci\u00f3n de tutela instaurada por Luz Amparo \u00a0 Hern\u00e1ndez Maldonado, en representaci\u00f3n de su hijo Santiago Rodas ...<br \/><div class=\"pt-cv-rmwrap\"><a href=\"https:\/\/www.dmsjuridica.com\/buscador_20179478954\/corteconstitucionalcronologico202454587\/t-107-18\/\" class=\"_self pt-cv-readmore btn btn-success\" target=\"_self\">Ver Sentencia Completa...<\/a><\/div><\/div><\/div><\/div>\n<div class=\"col-md-12 col-sm-12 col-xs-12 pt-cv-content-item pt-cv-1-col\" ><div class='pt-cv-ifield'><a href=\"https:\/\/www.dmsjuridica.com\/buscador_20179478954\/corteconstitucionalcronologico202454587\/t-106-18\/\" class=\"_self pt-cv-href-thumbnail pt-cv-thumb-default\" target=\"_self\" ><\/a>\n<div class=\"pt-cv-taxoterm above_title\"><a href='https:\/\/www.dmsjuridica.com\/buscador_20179478954\/corteconstitucionalcronologico202454587\/category\/buscar-en-toda-la-corte\/2018\/tutelas-2018\/' title='Tutelas 2018' class='pt-cv-tax-tutelas-2018'>Tutelas 2018<\/a><\/div>\n<h4 class=\"pt-cv-title\"><a href=\"https:\/\/www.dmsjuridica.com\/buscador_20179478954\/corteconstitucionalcronologico202454587\/t-106-18\/\" class=\"_self\" target=\"_self\" >T-106-18<\/a><\/h4>\n<div class=\"pt-cv-content\">\u00a0 \u00a0 \u00a0 \u00a0 \u00a0T-106-18 \u00a0 \u00a0 \u00a0 \u00a0 \u00a0 \u00a0\u00a0 Sentencia T-106\/18 \u00a0 \u00a0 ACTUACION TEMERARIA Y COSA JUZGADA EN MATERIA DE TUTELA-Reiteraci\u00f3n de jurisprudencia \u00a0 \u00a0 ACTUACION TEMERARIA Y COSA JUZGADA EN MATERIA DE \u00a0 TUTELA-Configuraci\u00f3n \u00a0 \u00a0 VICTIMAS DEL CONFLICTO ARMADO-Legitimaci\u00f3n \u00a0 para reclamar indemnizaci\u00f3n administrativa \u00a0 \u00a0 FAMILIA-N\u00facleo fundamental de la Sociedad \u00a0 \u00a0 CONCEPTO DE FAMILIA-Alcance\u00a0 \u00a0 \u00a0 FAMILIA-Igualdad de trato a sus diferentes formas de constituci\u00f3n \u00a0 \u00a0 FAMILIA DE CRIANZA-Definici\u00f3n \u00a0 \u00a0 FAMILIAS DE CRIANZA-V\u00ednculo de afecto, respeto, comprensi\u00f3n y protecci\u00f3n \u00a0 \u00a0 FAMILIAS DE \u00a0 CRIANZA-Reconocimientos en la jurisprudencia \u00a0 \u00a0 FAMILIA ...<br \/><div class=\"pt-cv-rmwrap\"><a href=\"https:\/\/www.dmsjuridica.com\/buscador_20179478954\/corteconstitucionalcronologico202454587\/t-106-18\/\" class=\"_self pt-cv-readmore btn btn-success\" target=\"_self\">Ver Sentencia Completa...<\/a><\/div><\/div><\/div><\/div>\n<div class=\"col-md-12 col-sm-12 col-xs-12 pt-cv-content-item pt-cv-1-col\" ><div class='pt-cv-ifield'><a href=\"https:\/\/www.dmsjuridica.com\/buscador_20179478954\/corteconstitucionalcronologico202454587\/t-104-18\/\" class=\"_self pt-cv-href-thumbnail pt-cv-thumb-default\" target=\"_self\" ><\/a>\n<div class=\"pt-cv-taxoterm above_title\"><a href='https:\/\/www.dmsjuridica.com\/buscador_20179478954\/corteconstitucionalcronologico202454587\/category\/buscar-en-toda-la-corte\/2018\/tutelas-2018\/' title='Tutelas 2018' class='pt-cv-tax-tutelas-2018'>Tutelas 2018<\/a><\/div>\n<h4 class=\"pt-cv-title\"><a href=\"https:\/\/www.dmsjuridica.com\/buscador_20179478954\/corteconstitucionalcronologico202454587\/t-104-18\/\" class=\"_self\" target=\"_self\" >T-104-18<\/a><\/h4>\n<div class=\"pt-cv-content\">\u00a0 \u00a0 \u00a0 \u00a0 \u00a0T-104-18 \u00a0 \u00a0 \u00a0 \u00a0 \u00a0 \u00a0\u00a0 Sentencia T-104\/18 \u00a0 \u00a0 PENSION DE INVALIDEZ-Evoluci\u00f3n normativa en relaci\u00f3n con los requisitos para su obtenci\u00f3n \u00a0 \u00a0 JUEZ DE TUTELA-Facultad de fallar extra y ultra petita\u00a0 \u00a0 \u00a0 El juez de tutela est\u00e1 facultado para \u00a0 emitir fallos extra y ultra\u00a0petita, cuando de la situaci\u00f3n f\u00e1ctica de la \u00a0 demanda puede evidenciar la vulneraci\u00f3n de un derecho fundamental, aun cuando su \u00a0 protecci\u00f3n no haya sido solicitada por el peticionario. \u00a0 \u00a0 APLICACION DEL PRINCIPIO DE LA \u00a0 CONDICION MAS BENEFICIOSA A LA PENSION DE INVALIDEZ-Jurisprudencia constitucional\u00a0 \u00a0 ...<br \/><div class=\"pt-cv-rmwrap\"><a href=\"https:\/\/www.dmsjuridica.com\/buscador_20179478954\/corteconstitucionalcronologico202454587\/t-104-18\/\" class=\"_self pt-cv-readmore btn btn-success\" target=\"_self\">Ver Sentencia Completa...<\/a><\/div><\/div><\/div><\/div>\n<div class=\"col-md-12 col-sm-12 col-xs-12 pt-cv-content-item pt-cv-1-col\" ><div class='pt-cv-ifield'><a href=\"https:\/\/www.dmsjuridica.com\/buscador_20179478954\/corteconstitucionalcronologico202454587\/t-103-18\/\" class=\"_self pt-cv-href-thumbnail pt-cv-thumb-default\" target=\"_self\" ><\/a>\n<div class=\"pt-cv-taxoterm above_title\"><a href='https:\/\/www.dmsjuridica.com\/buscador_20179478954\/corteconstitucionalcronologico202454587\/category\/buscar-en-toda-la-corte\/2018\/tutelas-2018\/' title='Tutelas 2018' class='pt-cv-tax-tutelas-2018'>Tutelas 2018<\/a><\/div>\n<h4 class=\"pt-cv-title\"><a href=\"https:\/\/www.dmsjuridica.com\/buscador_20179478954\/corteconstitucionalcronologico202454587\/t-103-18\/\" class=\"_self\" target=\"_self\" >T-103-18<\/a><\/h4>\n<div class=\"pt-cv-content\">\u00a0 \u00a0 \u00a0 \u00a0 \u00a0T-103-18 \u00a0 \u00a0 \u00a0 \u00a0 \u00a0 \u00a0\u00a0 Sentencia T-103\/18 \u00a0 \u00a0 MEDIDAS PROVISIONALES-Procedencia seg\u00fan Decreto 2591\/91 art\u00edculo 7 \u00a0 \u00a0 MEDIDAS PROVISIONALES-Oportunidad para pronunciarse sobre solicitud \u00a0 \u00a0 MEDIDAS PROVISIONALES-Finalidad \u00a0 \u00a0 La protecci\u00f3n provisional est\u00e1 dirigida a: i)\u00a0proteger los derechos de los \u00a0 demandantes con el fin de impedir que un eventual amparo se torne ilusorio; \u00a0 ii) salvaguardar los derechos fundamentales que se encuentran en discusi\u00f3n o en \u00a0 amenaza de vulneraci\u00f3n; y iii) evitar que se produzcan otros da\u00f1os como \u00a0 consecuencia de los hechos objeto de an\u00e1lisis en el proceso, perjuicios que ...<br \/><div class=\"pt-cv-rmwrap\"><a href=\"https:\/\/www.dmsjuridica.com\/buscador_20179478954\/corteconstitucionalcronologico202454587\/t-103-18\/\" class=\"_self pt-cv-readmore btn btn-success\" target=\"_self\">Ver Sentencia Completa...<\/a><\/div><\/div><\/div><\/div>\n<div class=\"col-md-12 col-sm-12 col-xs-12 pt-cv-content-item pt-cv-1-col\" ><div class='pt-cv-ifield'><a href=\"https:\/\/www.dmsjuridica.com\/buscador_20179478954\/corteconstitucionalcronologico202454587\/t-100-18\/\" class=\"_self pt-cv-href-thumbnail pt-cv-thumb-default\" target=\"_self\" ><\/a>\n<div class=\"pt-cv-taxoterm above_title\"><a href='https:\/\/www.dmsjuridica.com\/buscador_20179478954\/corteconstitucionalcronologico202454587\/category\/buscar-en-toda-la-corte\/2018\/tutelas-2018\/' title='Tutelas 2018' class='pt-cv-tax-tutelas-2018'>Tutelas 2018<\/a><\/div>\n<h4 class=\"pt-cv-title\"><a href=\"https:\/\/www.dmsjuridica.com\/buscador_20179478954\/corteconstitucionalcronologico202454587\/t-100-18\/\" class=\"_self\" target=\"_self\" >T-100-18<\/a><\/h4>\n<div class=\"pt-cv-content\">\u00a0 \u00a0 \u00a0 \u00a0 \u00a0T-100-18 \u00a0 \u00a0 \u00a0 \u00a0 \u00a0 \u00a0\u00a0 Sentencia T-100\/18 \u00a0 \u00a0 DERECHO A LA LIBERTAD DE CULTOS DE PERSONAS PRIVADAS DE LA \u00a0 LIBERTAD-Caso en que no se permiti\u00f3 al accionante realizar \u00a0 la actividad de estudio informal para redimir la pena en d\u00edas festivos \u00a0 \u00a0 LIBERTAD DE CONFIGURACION LEGISLATIVA \u00a0 EN MATERIA PENAL-Contenido y alcance \u00a0 \u00a0 El derecho penal es la expresi\u00f3n de la pol\u00edtica criminal del Estado, cuya \u00a0 definici\u00f3n, de acuerdo con el principio democr\u00e1tico y la soberan\u00eda popular \u00a0 (art\u00edculos 1\u00ba y 3\u00ba de la Constituci\u00f3n), corresponde de manera exclusiva ...<br \/><div class=\"pt-cv-rmwrap\"><a href=\"https:\/\/www.dmsjuridica.com\/buscador_20179478954\/corteconstitucionalcronologico202454587\/t-100-18\/\" class=\"_self pt-cv-readmore btn btn-success\" target=\"_self\">Ver Sentencia Completa...<\/a><\/div><\/div><\/div><\/div>\n<div class=\"col-md-12 col-sm-12 col-xs-12 pt-cv-content-item pt-cv-1-col\" ><div class='pt-cv-ifield'><a href=\"https:\/\/www.dmsjuridica.com\/buscador_20179478954\/corteconstitucionalcronologico202454587\/t-099-18\/\" class=\"_self pt-cv-href-thumbnail pt-cv-thumb-default\" target=\"_self\" ><\/a>\n<div class=\"pt-cv-taxoterm above_title\"><a href='https:\/\/www.dmsjuridica.com\/buscador_20179478954\/corteconstitucionalcronologico202454587\/category\/buscar-en-toda-la-corte\/2018\/tutelas-2018\/' title='Tutelas 2018' class='pt-cv-tax-tutelas-2018'>Tutelas 2018<\/a><\/div>\n<h4 class=\"pt-cv-title\"><a href=\"https:\/\/www.dmsjuridica.com\/buscador_20179478954\/corteconstitucionalcronologico202454587\/t-099-18\/\" class=\"_self\" target=\"_self\" >T-099-18<\/a><\/h4>\n<div class=\"pt-cv-content\">\u00a0 \u00a0 \u00a0 \u00a0 \u00a0T-099-18 \u00a0 \u00a0 \u00a0 \u00a0 \u00a0 \u00a0\u00a0 Sentencia T-099\/18 \u00a0 \u00a0 ACCION DE TUTELA CONTRA PROVIDENCIAS JUDICIALES-Procedencia \u00a0 excepcional \u00a0 \u00a0 ACCION DE TUTELA CONTRA PROVIDENCIAS JUDICIALES-Requisitos \u00a0 generales de procedibilidad\u00a0 \u00a0 \u00a0 DEFECTO SUSTANTIVO COMO CAUSAL ESPECIFICA DE PROCEDIBILIDAD DE LA \u00a0 ACCION DE TUTELA CONTRA PROVIDENCIAS JUDICIALES-Reiteraci\u00f3n de \u00a0 jurisprudencia \u00a0 \u00a0 Conforme con la l\u00ednea \u00a0 jurisprudencial en la materia, el defecto sustantivo se atribuye a una decisi\u00f3n \u00a0 judicial, cuando ella se edific\u00f3 a partir de fundamentos de derecho que se \u00a0 tornan inaplicables al caso concreto, cuando \u00e9ste se defini\u00f3 sin ...<br \/><div class=\"pt-cv-rmwrap\"><a href=\"https:\/\/www.dmsjuridica.com\/buscador_20179478954\/corteconstitucionalcronologico202454587\/t-099-18\/\" class=\"_self pt-cv-readmore btn btn-success\" target=\"_self\">Ver Sentencia Completa...<\/a><\/div><\/div><\/div><\/div>\n<div class=\"col-md-12 col-sm-12 col-xs-12 pt-cv-content-item pt-cv-1-col\" ><div class='pt-cv-ifield'><a href=\"https:\/\/www.dmsjuridica.com\/buscador_20179478954\/corteconstitucionalcronologico202454587\/t-097-18\/\" class=\"_self pt-cv-href-thumbnail pt-cv-thumb-default\" target=\"_self\" ><\/a>\n<div class=\"pt-cv-taxoterm above_title\"><a href='https:\/\/www.dmsjuridica.com\/buscador_20179478954\/corteconstitucionalcronologico202454587\/category\/buscar-en-toda-la-corte\/2018\/tutelas-2018\/' title='Tutelas 2018' class='pt-cv-tax-tutelas-2018'>Tutelas 2018<\/a><\/div>\n<h4 class=\"pt-cv-title\"><a href=\"https:\/\/www.dmsjuridica.com\/buscador_20179478954\/corteconstitucionalcronologico202454587\/t-097-18\/\" class=\"_self\" target=\"_self\" >T-097-18<\/a><\/h4>\n<div class=\"pt-cv-content\">\u00a0 \u00a0 \u00a0 \u00a0 \u00a0T-097-18 \u00a0 \u00a0 \u00a0 \u00a0 \u00a0 \u00a0\u00a0 Sentencia T-097\/18 \u00a0 \u00a0 ACCION DE TUTELA CONTRA MUNICIPIO-Improcedencia por cuanto se acudi\u00f3 de manera directa a la \u00a0 tutela sin que existiera acci\u00f3n u omisi\u00f3n atribuible a la administraci\u00f3n \u00a0 municipal de la que pudiera inferirse la posible afectaci\u00f3n de las garant\u00edas \u00a0 constitucionales a la seguridad social y al m\u00ednimo vital \u00a0 \u00a0 Referencia: expedientes acumulados T-6.503.622, T-6.503.623, \u00a0 T-6.503.624, T-6.503.625, T-6.503.628 y T-6.503.629. \u00a0 \u00a0 Acciones de tutela: (i) T-6.503.622 interpuesta por B\u00e9lgica Sibaja de \u00a0 S\u00e1nchez, (ii) \u00a0T-6.503.623 interpuesta por Arturo Daniel Espitia Puentes, (iii) ...<br \/><div class=\"pt-cv-rmwrap\"><a href=\"https:\/\/www.dmsjuridica.com\/buscador_20179478954\/corteconstitucionalcronologico202454587\/t-097-18\/\" class=\"_self pt-cv-readmore btn btn-success\" target=\"_self\">Ver Sentencia Completa...<\/a><\/div><\/div><\/div><\/div>\n<div class=\"col-md-12 col-sm-12 col-xs-12 pt-cv-content-item pt-cv-1-col\" ><div class='pt-cv-ifield'><a href=\"https:\/\/www.dmsjuridica.com\/buscador_20179478954\/corteconstitucionalcronologico202454587\/t-096-18\/\" class=\"_self pt-cv-href-thumbnail pt-cv-thumb-default\" target=\"_self\" ><\/a>\n<div class=\"pt-cv-taxoterm above_title\"><a href='https:\/\/www.dmsjuridica.com\/buscador_20179478954\/corteconstitucionalcronologico202454587\/category\/buscar-en-toda-la-corte\/2018\/tutelas-2018\/' title='Tutelas 2018' class='pt-cv-tax-tutelas-2018'>Tutelas 2018<\/a><\/div>\n<h4 class=\"pt-cv-title\"><a href=\"https:\/\/www.dmsjuridica.com\/buscador_20179478954\/corteconstitucionalcronologico202454587\/t-096-18\/\" class=\"_self\" target=\"_self\" >T-096-18<\/a><\/h4>\n<div class=\"pt-cv-content\">\u00a0 \u00a0 \u00a0 \u00a0 \u00a0T-096-18 \u00a0 \u00a0 \u00a0 \u00a0 \u00a0 \u00a0\u00a0 Sentencia T-096\/18 \u00a0 \u00a0 ESTABILIDAD LABORAL RELATIVA O \u00a0 INTERMEDIA DE SERVIDORES PUBLICOS NOMBRADOS EN PROVISIONALIDAD FRENTE A \u00a0 NOMBRAMIENTO DE CARGOS DE CARRERA-Caso en que se declar\u00f3 insubsistente nombramiento en \u00a0 provisionalidad de persona portadora de VIH\/SIDA para proveer dicho empleo \u00a0 mediante el sistema de carrera \u00a0 \u00a0 LEGITIMACION POR ACTIVA EN \u00a0 TUTELA-Persona natural que act\u00faa en defensa de sus propios intereses \u00a0 \u00a0 LEGITIMACION \u00a0 POR PASIVA EN TUTELA-Autoridad p\u00fablica \u00a0 \u00a0 ACCION DE \u00a0 TUTELA CONTRA ACTO ADMINISTRATIVO DE DESVINCULACION DE PERSONA PORTADORA DE ...<br \/><div class=\"pt-cv-rmwrap\"><a href=\"https:\/\/www.dmsjuridica.com\/buscador_20179478954\/corteconstitucionalcronologico202454587\/t-096-18\/\" class=\"_self pt-cv-readmore btn btn-success\" target=\"_self\">Ver Sentencia Completa...<\/a><\/div><\/div><\/div><\/div>\n<div class=\"col-md-12 col-sm-12 col-xs-12 pt-cv-content-item pt-cv-1-col\" ><div class='pt-cv-ifield'><a href=\"https:\/\/www.dmsjuridica.com\/buscador_20179478954\/corteconstitucionalcronologico202454587\/t-095-18\/\" class=\"_self pt-cv-href-thumbnail pt-cv-thumb-default\" target=\"_self\" ><\/a>\n<div class=\"pt-cv-taxoterm above_title\"><a href='https:\/\/www.dmsjuridica.com\/buscador_20179478954\/corteconstitucionalcronologico202454587\/category\/buscar-en-toda-la-corte\/2018\/tutelas-2018\/' title='Tutelas 2018' class='pt-cv-tax-tutelas-2018'>Tutelas 2018<\/a><\/div>\n<h4 class=\"pt-cv-title\"><a href=\"https:\/\/www.dmsjuridica.com\/buscador_20179478954\/corteconstitucionalcronologico202454587\/t-095-18\/\" class=\"_self\" target=\"_self\" >T-095-18<\/a><\/h4>\n<div class=\"pt-cv-content\">\u00a0 \u00a0 \u00a0 \u00a0 \u00a0T-095-18 \u00a0 \u00a0 \u00a0 \u00a0 \u00a0 \u00a0\u00a0 Sentencia T-095\/18 \u00a0 \u00a0 TRASLADO DE DOCENTE-Caso en que accionante solicita traslado a municipio distinto por \u00a0 razones de seguridad con fundamento en violencia intrafamiliar \u00a0 \u00a0 LEGITIMACION POR ACTIVA EN TUTELA-Persona natural que act\u00faa en defensa de sus \u00a0 propios intereses \u00a0 \u00a0 LEGITIMACION POR ACTIVA EN TUTELA-Madre en representaci\u00f3n de sus hijos \u00a0 \u00a0 LEGITIMACION POR PASIVA EN TUTELA-Autoridad p\u00fablica \u00a0 \u00a0 PRINCIPIO DE SUBSIDIARIEDAD DE LA \u00a0 ACCION DE TUTELA-Juez debe verificar \u00a0 si ante la existencia de otro medio de defensa judicial, \u00e9ste es eficaz ...<br \/><div class=\"pt-cv-rmwrap\"><a href=\"https:\/\/www.dmsjuridica.com\/buscador_20179478954\/corteconstitucionalcronologico202454587\/t-095-18\/\" class=\"_self pt-cv-readmore btn btn-success\" target=\"_self\">Ver Sentencia Completa...<\/a><\/div><\/div><\/div><\/div>\n<div class=\"col-md-12 col-sm-12 col-xs-12 pt-cv-content-item pt-cv-1-col\" ><div class='pt-cv-ifield'><a href=\"https:\/\/www.dmsjuridica.com\/buscador_20179478954\/corteconstitucionalcronologico202454587\/t-093-18\/\" class=\"_self pt-cv-href-thumbnail pt-cv-thumb-default\" target=\"_self\" ><\/a>\n<div class=\"pt-cv-taxoterm above_title\"><a href='https:\/\/www.dmsjuridica.com\/buscador_20179478954\/corteconstitucionalcronologico202454587\/category\/buscar-en-toda-la-corte\/2018\/tutelas-2018\/' title='Tutelas 2018' class='pt-cv-tax-tutelas-2018'>Tutelas 2018<\/a><\/div>\n<h4 class=\"pt-cv-title\"><a href=\"https:\/\/www.dmsjuridica.com\/buscador_20179478954\/corteconstitucionalcronologico202454587\/t-093-18\/\" class=\"_self\" target=\"_self\" >T-093-18<\/a><\/h4>\n<div class=\"pt-cv-content\">\u00a0 \u00a0 \u00a0 \u00a0 \u00a0T-093-18 \u00a0 \u00a0 \u00a0 \u00a0 \u00a0 \u00a0\u00a0 Sentencia T-093\/18 \u00a0 \u00a0 \u00a0 ACCION DE TUTELA CONTRA PROVIDENCIAS JUDICIALES-Procedencia excepcional \u00a0 \u00a0 ACCION DE TUTELA CONTRA SENTENCIA DE \u00a0 TUTELA-Reiteraci\u00f3n \u00a0 de jurisprudencia sobre la improcedencia \u00a0 \u00a0 ACCION DE TUTELA CONTRA SENTENCIA DE TUTELA-Reglas establecidas en la sentencia SU.627\/15 \u00a0 \u00a0 Esta Corporaci\u00f3n en la Sentencia SU-627 de 2015 precis\u00f3 lo \u00a0 siguiente: (a)\u00a0\u201cSi la acci\u00f3n de tutela se dirige contra \u00a0 la sentencia de tutela, la regla general es la de que no procede\u201d. \u00a0(b)\u00a0\u201cEsta regla no admite \u00a0 ninguna excepci\u00f3n cuando la sentencia ha ...<br \/><div class=\"pt-cv-rmwrap\"><a href=\"https:\/\/www.dmsjuridica.com\/buscador_20179478954\/corteconstitucionalcronologico202454587\/t-093-18\/\" class=\"_self pt-cv-readmore btn btn-success\" target=\"_self\">Ver Sentencia Completa...<\/a><\/div><\/div><\/div><\/div>\n<div class=\"col-md-12 col-sm-12 col-xs-12 pt-cv-content-item pt-cv-1-col\" ><div class='pt-cv-ifield'><a href=\"https:\/\/www.dmsjuridica.com\/buscador_20179478954\/corteconstitucionalcronologico202454587\/t-092-18\/\" class=\"_self pt-cv-href-thumbnail pt-cv-thumb-default\" target=\"_self\" ><\/a>\n<div class=\"pt-cv-taxoterm above_title\"><a href='https:\/\/www.dmsjuridica.com\/buscador_20179478954\/corteconstitucionalcronologico202454587\/category\/buscar-en-toda-la-corte\/2018\/tutelas-2018\/' title='Tutelas 2018' class='pt-cv-tax-tutelas-2018'>Tutelas 2018<\/a><\/div>\n<h4 class=\"pt-cv-title\"><a href=\"https:\/\/www.dmsjuridica.com\/buscador_20179478954\/corteconstitucionalcronologico202454587\/t-092-18\/\" class=\"_self\" target=\"_self\" >T-092-18<\/a><\/h4>\n<div class=\"pt-cv-content\">\u00a0 \u00a0 \u00a0 \u00a0 \u00a0T-092-18 \u00a0 \u00a0 \u00a0 \u00a0 \u00a0 \u00a0\u00a0 Sentencia T-092\/18 \u00a0 \u00a0 LEGITIMACION POR ACTIVA EN TUTELA-Persona natural que \u00a0 act\u00faa en defensa de sus propios intereses \u00a0 \u00a0 LEGITIMACION POR \u00a0 PASIVA EN TUTELA-Entidad que se ocupa de prestar el servicio p\u00fablico de \u00a0 salud \u00a0 \u00a0 PRINCIPIO DE SUBSIDIARIEDAD DE LA ACCION DE TUTELA-Juez debe verificar si ante la existencia de otro \u00a0 medio de defensa judicial, \u00e9ste es eficaz e id\u00f3neo \u00a0 \u00a0 LEY 1122\/07-Confiri\u00f3 a \u00a0 Superintendencia Nacional de Salud facultades jurisdiccionales para adelantar \u00a0 procedimientos que resuelvan controversias entre entidades promotoras de ...<br \/><div class=\"pt-cv-rmwrap\"><a href=\"https:\/\/www.dmsjuridica.com\/buscador_20179478954\/corteconstitucionalcronologico202454587\/t-092-18\/\" class=\"_self pt-cv-readmore btn btn-success\" target=\"_self\">Ver Sentencia Completa...<\/a><\/div><\/div><\/div><\/div>\n<div class=\"col-md-12 col-sm-12 col-xs-12 pt-cv-content-item pt-cv-1-col\" ><div class='pt-cv-ifield'><a href=\"https:\/\/www.dmsjuridica.com\/buscador_20179478954\/corteconstitucionalcronologico202454587\/t-091-18\/\" class=\"_self pt-cv-href-thumbnail pt-cv-thumb-default\" target=\"_self\" ><\/a>\n<div class=\"pt-cv-taxoterm above_title\"><a href='https:\/\/www.dmsjuridica.com\/buscador_20179478954\/corteconstitucionalcronologico202454587\/category\/buscar-en-toda-la-corte\/2018\/tutelas-2018\/' title='Tutelas 2018' class='pt-cv-tax-tutelas-2018'>Tutelas 2018<\/a><\/div>\n<h4 class=\"pt-cv-title\"><a href=\"https:\/\/www.dmsjuridica.com\/buscador_20179478954\/corteconstitucionalcronologico202454587\/t-091-18\/\" class=\"_self\" target=\"_self\" >T-091-18<\/a><\/h4>\n<div class=\"pt-cv-content\">\u00a0 \u00a0 \u00a0 \u00a0 \u00a0T-091-18 \u00a0 \u00a0 \u00a0 \u00a0 \u00a0 \u00a0\u00a0 Sentencia T-091\/18 \u00a0 \u00a0 LEGITIMACION POR ACTIVA EN TUTELA-Personero municipal en representaci\u00f3n de \u00a0 menores de edad \u00a0 \u00a0 LEGITIMACION POR PASIVA DE SECRETARIA DE EDUCACION DEPARTAMENTAL-Entidad \u00a0 encargada de administrar el servicio educativo en el departamento de Caquet\u00e1 \u00a0 \u00a0 PRINCIPIO DE \u00a0 INMEDIATEZ EN ACCION DE TUTELA-Reglas generales \u00a0 \u00a0 PRINCIPIO DE SUBSIDIARIEDAD DE LA ACCION DE TUTELA-Juez debe verificar si ante la existencia de otro \u00a0 medio de defensa judicial, \u00e9ste es eficaz e id\u00f3neo \u00a0 \u00a0 DERECHOS DE LOS NI\u00d1OS, NI\u00d1AS Y ADOLESCENTES-Regla de \u00a0 ...<br \/><div class=\"pt-cv-rmwrap\"><a href=\"https:\/\/www.dmsjuridica.com\/buscador_20179478954\/corteconstitucionalcronologico202454587\/t-091-18\/\" class=\"_self pt-cv-readmore btn btn-success\" target=\"_self\">Ver Sentencia Completa...<\/a><\/div><\/div><\/div><\/div>\n<div class=\"col-md-12 col-sm-12 col-xs-12 pt-cv-content-item pt-cv-1-col\" ><div class='pt-cv-ifield'><a href=\"https:\/\/www.dmsjuridica.com\/buscador_20179478954\/corteconstitucionalcronologico202454587\/t-090-18\/\" class=\"_self pt-cv-href-thumbnail pt-cv-thumb-default\" target=\"_self\" ><\/a>\n<div class=\"pt-cv-taxoterm above_title\"><a href='https:\/\/www.dmsjuridica.com\/buscador_20179478954\/corteconstitucionalcronologico202454587\/category\/buscar-en-toda-la-corte\/2018\/tutelas-2018\/' title='Tutelas 2018' class='pt-cv-tax-tutelas-2018'>Tutelas 2018<\/a><\/div>\n<h4 class=\"pt-cv-title\"><a href=\"https:\/\/www.dmsjuridica.com\/buscador_20179478954\/corteconstitucionalcronologico202454587\/t-090-18\/\" class=\"_self\" target=\"_self\" >T-090-18<\/a><\/h4>\n<div class=\"pt-cv-content\">\u00a0 \u00a0 \u00a0 \u00a0 \u00a0T-090-18 \u00a0 \u00a0 \u00a0 \u00a0 \u00a0 \u00a0\u00a0 Sentencia T-090\/18 \u00a0 \u00a0 ACUMULACION DE TIEMPOS COTIZADOS PARA EL RECONOCIMIENTO DE PENSION \u00a0 DE VEJEZ-Caso en que \u00a0 se extendi\u00f3 la aplicaci\u00f3n del Acuerdo 049 de 1990 para realizar el c\u00f3mputo de \u00a0 las cotizaciones al ISS y al r\u00e9gimen exceptuado del magisterio \u00a0 \u00a0 ACCION DE TUTELA PARA RECLAMAR EL RECONOCIMIENTO Y PAGO DE DERECHOS \u00a0 PENSIONALES-Procedencia excepcional \u00a0 \u00a0 Dado el car\u00e1cter subsidiario de la acci\u00f3n de tutela, esta \u00a0 Corporaci\u00f3n ha se\u00f1alado de manera reiterada que generalmente esta no procede \u00a0 para ordenar el reconocimiento ...<br \/><div class=\"pt-cv-rmwrap\"><a href=\"https:\/\/www.dmsjuridica.com\/buscador_20179478954\/corteconstitucionalcronologico202454587\/t-090-18\/\" class=\"_self pt-cv-readmore btn btn-success\" target=\"_self\">Ver Sentencia Completa...<\/a><\/div><\/div><\/div><\/div>\n<div class=\"col-md-12 col-sm-12 col-xs-12 pt-cv-content-item pt-cv-1-col\" ><div class='pt-cv-ifield'><a href=\"https:\/\/www.dmsjuridica.com\/buscador_20179478954\/corteconstitucionalcronologico202454587\/t-089-18\/\" class=\"_self pt-cv-href-thumbnail pt-cv-thumb-default\" target=\"_self\" ><\/a>\n<div class=\"pt-cv-taxoterm above_title\"><a href='https:\/\/www.dmsjuridica.com\/buscador_20179478954\/corteconstitucionalcronologico202454587\/category\/buscar-en-toda-la-corte\/2018\/tutelas-2018\/' title='Tutelas 2018' class='pt-cv-tax-tutelas-2018'>Tutelas 2018<\/a><\/div>\n<h4 class=\"pt-cv-title\"><a href=\"https:\/\/www.dmsjuridica.com\/buscador_20179478954\/corteconstitucionalcronologico202454587\/t-089-18\/\" class=\"_self\" target=\"_self\" >T-089-18<\/a><\/h4>\n<div class=\"pt-cv-content\">\u00a0 \u00a0 \u00a0 \u00a0 \u00a0T-089-18 \u00a0 \u00a0 \u00a0 \u00a0 \u00a0 \u00a0\u00a0 Sentencia T-089\/18 \u00a0 \u00a0 DERECHO FUNDAMENTAL A LA SALUD DE MENOR DE \u00a0 EDAD-Caso en que \u00a0 EPS suspendi\u00f3 prestaci\u00f3n del servicio a menor argumentado que progenitor se \u00a0 encontraba afiliado a otra EPS en calidad de cotizante \u00a0 \u00a0 DERECHO A LA SALUD-Doble \u00a0 connotaci\u00f3n al ser un derecho fundamental y al mismo tiempo un servicio p\u00fablico \u00a0 \u00a0 DERECHO FUNDAMENTAL A LA SALUD-Car\u00e1cter aut\u00f3nomo e \u00a0 irrenunciable \u00a0 \u00a0 DERECHO FUNDAMENTAL A LA SALUD-Reiteraci\u00f3n de jurisprudencia\u00a0 \u00a0 \u00a0 DERECHO FUNDAMENTAL A LA SALUD-Principios rectores \u00a0 \u00a0 INTERES ...<br \/><div class=\"pt-cv-rmwrap\"><a href=\"https:\/\/www.dmsjuridica.com\/buscador_20179478954\/corteconstitucionalcronologico202454587\/t-089-18\/\" class=\"_self pt-cv-readmore btn btn-success\" target=\"_self\">Ver Sentencia Completa...<\/a><\/div><\/div><\/div><\/div>\n<div class=\"col-md-12 col-sm-12 col-xs-12 pt-cv-content-item pt-cv-1-col\" ><div class='pt-cv-ifield'><a href=\"https:\/\/www.dmsjuridica.com\/buscador_20179478954\/corteconstitucionalcronologico202454587\/t-088-18\/\" class=\"_self pt-cv-href-thumbnail pt-cv-thumb-default\" target=\"_self\" ><\/a>\n<div class=\"pt-cv-taxoterm above_title\"><a href='https:\/\/www.dmsjuridica.com\/buscador_20179478954\/corteconstitucionalcronologico202454587\/category\/buscar-en-toda-la-corte\/2018\/tutelas-2018\/' title='Tutelas 2018' class='pt-cv-tax-tutelas-2018'>Tutelas 2018<\/a><\/div>\n<h4 class=\"pt-cv-title\"><a href=\"https:\/\/www.dmsjuridica.com\/buscador_20179478954\/corteconstitucionalcronologico202454587\/t-088-18\/\" class=\"_self\" target=\"_self\" >T-088-18<\/a><\/h4>\n<div class=\"pt-cv-content\">\u00a0 \u00a0 \u00a0 \u00a0 \u00a0T-088-18 \u00a0 \u00a0 \u00a0 \u00a0 \u00a0 \u00a0\u00a0 Sentencia \u00a0 T-088\/18 \u00a0 \u00a0 ACCION DE \u00a0 TUTELA CONTRA PROVIDENCIAS JUDICIALES-Procedencia \u00a0 excepcional \u00a0 \u00a0 DESCONOCIMIENTO DEL PRECEDENTE \u00a0 CONSTITUCIONAL COMO CAUSAL ESPECIFICA DE PROCEDIBILIDAD DE LA ACCION DE TUTELA \u00a0 CONTRA PROVIDENCIAS JUDICIALES \u00a0 \u00a0 Los funcionarios judiciales est\u00e1n \u00a0 obligados a aplicar el precedente sentado por la Corte Constitucional y, en caso \u00a0 de apartarse de determinada l\u00ednea jurisprudencial, soportarlo con la carga \u00a0 argumentativa adecuada y suficiente que justifique su actuar. De lo contrario, \u00a0 se configurar\u00eda un defecto por desconocimiento del precedente constitucional con ...<br \/><div class=\"pt-cv-rmwrap\"><a href=\"https:\/\/www.dmsjuridica.com\/buscador_20179478954\/corteconstitucionalcronologico202454587\/t-088-18\/\" class=\"_self pt-cv-readmore btn btn-success\" target=\"_self\">Ver Sentencia Completa...<\/a><\/div><\/div><\/div><\/div>\n<div class=\"col-md-12 col-sm-12 col-xs-12 pt-cv-content-item pt-cv-1-col\" ><div class='pt-cv-ifield'><a href=\"https:\/\/www.dmsjuridica.com\/buscador_20179478954\/corteconstitucionalcronologico202454587\/t-087-18\/\" class=\"_self pt-cv-href-thumbnail pt-cv-thumb-default\" target=\"_self\" ><\/a>\n<div class=\"pt-cv-taxoterm above_title\"><a href='https:\/\/www.dmsjuridica.com\/buscador_20179478954\/corteconstitucionalcronologico202454587\/category\/buscar-en-toda-la-corte\/2018\/tutelas-2018\/' title='Tutelas 2018' class='pt-cv-tax-tutelas-2018'>Tutelas 2018<\/a><\/div>\n<h4 class=\"pt-cv-title\"><a href=\"https:\/\/www.dmsjuridica.com\/buscador_20179478954\/corteconstitucionalcronologico202454587\/t-087-18\/\" class=\"_self\" target=\"_self\" >T-087-18<\/a><\/h4>\n<div class=\"pt-cv-content\">\u00a0 \u00a0 \u00a0 \u00a0 \u00a0T-087-18 \u00a0 \u00a0 \u00a0 \u00a0 \u00a0 \u00a0\u00a0 ACCION DE TUTELA Y PRINCIPIO DE \u00a0 INMEDIATEZ-Excepciones para \u00a0 aceptar que se presente en un extenso espacio de tiempo entre vulneraci\u00f3n y \u00a0 presentaci\u00f3n \u00a0 \u00a0 PRINCIPIO DE SUBSIDIARIEDAD DE LA \u00a0 ACCION DE TUTELA-Juez debe verificar \u00a0 si ante la existencia de otro medio de defensa judicial, \u00e9ste es eficaz e id\u00f3neo \u00a0 \u00a0 ACCION DE TUTELA PARA RECLAMAR EL RECONOCIMIENTO Y PAGO DE DERECHOS \u00a0 PENSIONALES-Procedencia excepcional \u00a0 \u00a0 Trat\u00e1ndose de controversias pensionales, la acci\u00f3n constitucional \u00a0 ser\u00eda improcedente, toda vez que los demandantes podr\u00edan acudir ...<br \/><div class=\"pt-cv-rmwrap\"><a href=\"https:\/\/www.dmsjuridica.com\/buscador_20179478954\/corteconstitucionalcronologico202454587\/t-087-18\/\" class=\"_self pt-cv-readmore btn btn-success\" target=\"_self\">Ver Sentencia Completa...<\/a><\/div><\/div><\/div><\/div>\n<div class=\"col-md-12 col-sm-12 col-xs-12 pt-cv-content-item pt-cv-1-col\" ><div class='pt-cv-ifield'><a href=\"https:\/\/www.dmsjuridica.com\/buscador_20179478954\/corteconstitucionalcronologico202454587\/t-086-18\/\" class=\"_self pt-cv-href-thumbnail pt-cv-thumb-default\" target=\"_self\" ><\/a>\n<div class=\"pt-cv-taxoterm above_title\"><a href='https:\/\/www.dmsjuridica.com\/buscador_20179478954\/corteconstitucionalcronologico202454587\/category\/buscar-en-toda-la-corte\/2018\/tutelas-2018\/' title='Tutelas 2018' class='pt-cv-tax-tutelas-2018'>Tutelas 2018<\/a><\/div>\n<h4 class=\"pt-cv-title\"><a href=\"https:\/\/www.dmsjuridica.com\/buscador_20179478954\/corteconstitucionalcronologico202454587\/t-086-18\/\" class=\"_self\" target=\"_self\" >T-086-18<\/a><\/h4>\n<div class=\"pt-cv-content\">\u00a0 \u00a0 \u00a0 \u00a0 \u00a0T-086-18 \u00a0 \u00a0 \u00a0 \u00a0 \u00a0 \u00a0\u00a0 Sentencia T-086\/18 \u00a0 \u00a0 PERJUICIO IRREMEDIABLE-Caracter\u00edsticas \u00a0 \u00a0 ACCION DE TUTELA PARA RECLAMAR EL RECONOCIMIENTO Y PAGO DE DERECHOS \u00a0 PENSIONALES-Procedencia excepcional \u00a0 \u00a0 ACCION DE TUTELA PARA RECONOCIMIENTO DE PENSION DE \u00a0 INVALIDEZ-Procedencia excepcional por afectaci\u00f3n al m\u00ednimo vital y vida digna de \u00a0 sujetos de especial protecci\u00f3n \u00a0 \u00a0 DERECHO FUNDAMENTAL A LA SEGURIDAD SOCIAL Y DERECHO AL MINIMO VITAL-Relaci\u00f3n \u00a0 \u00a0 PENSION DE INVALIDEZ-Evoluci\u00f3n normativa\u00a0 \u00a0 \u00a0 APLICACION DEL PRINCIPIO DE LA CONDICION MAS BENEFICIOSA A LA PENSION DE \u00a0 INVALIDEZ-Jurisprudencia \u00a0 constitucional\u00a0 \u00a0 \u00a0 Para ...<br \/><div class=\"pt-cv-rmwrap\"><a href=\"https:\/\/www.dmsjuridica.com\/buscador_20179478954\/corteconstitucionalcronologico202454587\/t-086-18\/\" class=\"_self pt-cv-readmore btn btn-success\" target=\"_self\">Ver Sentencia Completa...<\/a><\/div><\/div><\/div><\/div>\n<div class=\"col-md-12 col-sm-12 col-xs-12 pt-cv-content-item pt-cv-1-col\" ><div class='pt-cv-ifield'><a href=\"https:\/\/www.dmsjuridica.com\/buscador_20179478954\/corteconstitucionalcronologico202454587\/t-085-18\/\" class=\"_self pt-cv-href-thumbnail pt-cv-thumb-default\" target=\"_self\" ><\/a>\n<div class=\"pt-cv-taxoterm above_title\"><a href='https:\/\/www.dmsjuridica.com\/buscador_20179478954\/corteconstitucionalcronologico202454587\/category\/buscar-en-toda-la-corte\/2018\/tutelas-2018\/' title='Tutelas 2018' class='pt-cv-tax-tutelas-2018'>Tutelas 2018<\/a><\/div>\n<h4 class=\"pt-cv-title\"><a href=\"https:\/\/www.dmsjuridica.com\/buscador_20179478954\/corteconstitucionalcronologico202454587\/t-085-18\/\" class=\"_self\" target=\"_self\" >T-085-18<\/a><\/h4>\n<div class=\"pt-cv-content\">\u00a0 \u00a0 \u00a0 \u00a0 \u00a0T-085-18 \u00a0 \u00a0 \u00a0 \u00a0 \u00a0 \u00a0\u00a0 Sentencia T-085\/18 \u00a0 \u00a0 CARENCIA ACTUAL DE OBJETO-Fen\u00f3meno que puede \u00a0 presentarse a partir de dos eventos que a su vez sugieren consecuencias \u00a0 distintas: hecho superado y da\u00f1o consumado\u00a0 \u00a0 \u00a0 CARENCIA ACTUAL DE OBJETO POR HECHO SUPERADO-Configuraci\u00f3n \u00a0 \u00a0 CARENCIA ACTUAL DE OBJETO POR HECHO SUPERADO-Se hizo entrega de la \u00a0 ayuda humanitaria \u00a0 \u00a0 Referencia: Expediente T-6.472.828 \u00a0 \u00a0 Asunto: Acci\u00f3n de \u00a0 tutela instaurada por el se\u00f1or Wilson Luna Pab\u00f3n contra la Unidad Administrativa \u00a0 para la Atenci\u00f3n y Reparaci\u00f3n Integral de V\u00edctimas \u00a0 \u00a0 ...<br \/><div class=\"pt-cv-rmwrap\"><a href=\"https:\/\/www.dmsjuridica.com\/buscador_20179478954\/corteconstitucionalcronologico202454587\/t-085-18\/\" class=\"_self pt-cv-readmore btn btn-success\" target=\"_self\">Ver Sentencia Completa...<\/a><\/div><\/div><\/div><\/div>\n<div class=\"col-md-12 col-sm-12 col-xs-12 pt-cv-content-item pt-cv-1-col\" ><div class='pt-cv-ifield'><a href=\"https:\/\/www.dmsjuridica.com\/buscador_20179478954\/corteconstitucionalcronologico202454587\/t-084-18\/\" class=\"_self pt-cv-href-thumbnail pt-cv-thumb-default\" target=\"_self\" ><\/a>\n<div class=\"pt-cv-taxoterm above_title\"><a href='https:\/\/www.dmsjuridica.com\/buscador_20179478954\/corteconstitucionalcronologico202454587\/category\/buscar-en-toda-la-corte\/2018\/tutelas-2018\/' title='Tutelas 2018' class='pt-cv-tax-tutelas-2018'>Tutelas 2018<\/a><\/div>\n<h4 class=\"pt-cv-title\"><a href=\"https:\/\/www.dmsjuridica.com\/buscador_20179478954\/corteconstitucionalcronologico202454587\/t-084-18\/\" class=\"_self\" target=\"_self\" >T-084-18<\/a><\/h4>\n<div class=\"pt-cv-content\">\u00a0 \u00a0 \u00a0 \u00a0 \u00a0T-084-18 \u00a0 \u00a0 \u00a0 \u00a0 \u00a0 \u00a0\u00a0 Sentencia T-084\/18 \u00a0 \u00a0 RETEN SOCIAL \u00a0 EN CASO DE MADRE CABEZA DE FAMILIA-Protecci\u00f3n \u00a0 \u00a0 LEGITIMACION \u00a0 POR ACTIVA EN TUTELA-Formas previstas por ordenamiento jur\u00eddico \u00a0 \u00a0 LEGITIMACION \u00a0 POR ACTIVA EN TUTELA-Persona natural que act\u00faa en defensa de sus \u00a0 propios intereses \u00a0 \u00a0 LEGITIMACION EN LA CAUSA POR ACTIVA Y AGENCIA OFICIOSA EN LA ACCION DE \u00a0 TUTELA-Requisitos \u00a0 \u00a0 PRINCIPIO DE SUBSIDIARIEDAD DE LA ACCION DE TUTELA-Juez debe \u00a0 verificar si ante la existencia de otro medio de defensa judicial, \u00e9ste es \u00a0 eficaz e ...<br \/><div class=\"pt-cv-rmwrap\"><a href=\"https:\/\/www.dmsjuridica.com\/buscador_20179478954\/corteconstitucionalcronologico202454587\/t-084-18\/\" class=\"_self pt-cv-readmore btn btn-success\" target=\"_self\">Ver Sentencia Completa...<\/a><\/div><\/div><\/div><\/div>\n<div class=\"col-md-12 col-sm-12 col-xs-12 pt-cv-content-item pt-cv-1-col\" ><div class='pt-cv-ifield'><a href=\"https:\/\/www.dmsjuridica.com\/buscador_20179478954\/corteconstitucionalcronologico202454587\/t-083-18\/\" class=\"_self pt-cv-href-thumbnail pt-cv-thumb-default\" target=\"_self\" ><\/a>\n<div class=\"pt-cv-taxoterm above_title\"><a href='https:\/\/www.dmsjuridica.com\/buscador_20179478954\/corteconstitucionalcronologico202454587\/category\/buscar-en-toda-la-corte\/2018\/tutelas-2018\/' title='Tutelas 2018' class='pt-cv-tax-tutelas-2018'>Tutelas 2018<\/a><\/div>\n<h4 class=\"pt-cv-title\"><a href=\"https:\/\/www.dmsjuridica.com\/buscador_20179478954\/corteconstitucionalcronologico202454587\/t-083-18\/\" class=\"_self\" target=\"_self\" >T-083-18<\/a><\/h4>\n<div class=\"pt-cv-content\">\u00a0 \u00a0 \u00a0 \u00a0 \u00a0T-083-18 \u00a0 \u00a0 \u00a0 \u00a0 \u00a0 \u00a0\u00a0 Sentencia T-083\/18 \u00a0 \u00a0\u00a0\u00a0\u00a0 \u00a0 \u00a0 CARENCIA ACTUAL DE OBJETO-Configuraci\u00f3n y caracter\u00edsticas \u00a0 \u00a0 CARENCIA ACTUAL DE OBJETO-Fen\u00f3meno que puede presentarse a partir de dos \u00a0 eventos que a su vez sugieren consecuencias distintas: hecho superado y da\u00f1o \u00a0 consumado\u00a0 \u00a0 \u00a0 CARENCIA ACTUAL DE OBJETO POR DA\u00d1O CONSUMADO-Configuraci\u00f3n \u00a0 \u00a0 El \u00a0 da\u00f1o consumado se configura cuando la vulneraci\u00f3n o la amenaza del derecho \u00a0 fundamental produjo el perjuicio que se pretend\u00eda evitar con la acci\u00f3n de \u00a0 tutela. En otras palabras, no se produjo una reparaci\u00f3n o ...<br \/><div class=\"pt-cv-rmwrap\"><a href=\"https:\/\/www.dmsjuridica.com\/buscador_20179478954\/corteconstitucionalcronologico202454587\/t-083-18\/\" class=\"_self pt-cv-readmore btn btn-success\" target=\"_self\">Ver Sentencia Completa...<\/a><\/div><\/div><\/div><\/div>\n<div class=\"col-md-12 col-sm-12 col-xs-12 pt-cv-content-item pt-cv-1-col\" ><div class='pt-cv-ifield'><a href=\"https:\/\/www.dmsjuridica.com\/buscador_20179478954\/corteconstitucionalcronologico202454587\/t-082-18\/\" class=\"_self pt-cv-href-thumbnail pt-cv-thumb-default\" target=\"_self\" ><\/a>\n<div class=\"pt-cv-taxoterm above_title\"><a href='https:\/\/www.dmsjuridica.com\/buscador_20179478954\/corteconstitucionalcronologico202454587\/category\/buscar-en-toda-la-corte\/2018\/tutelas-2018\/' title='Tutelas 2018' class='pt-cv-tax-tutelas-2018'>Tutelas 2018<\/a><\/div>\n<h4 class=\"pt-cv-title\"><a href=\"https:\/\/www.dmsjuridica.com\/buscador_20179478954\/corteconstitucionalcronologico202454587\/t-082-18\/\" class=\"_self\" target=\"_self\" >T-082-18<\/a><\/h4>\n<div class=\"pt-cv-content\">\u00a0 \u00a0 \u00a0 \u00a0 \u00a0T-082-18 \u00a0 \u00a0 \u00a0 \u00a0 \u00a0 \u00a0\u00a0 Sentencia T-082\/18 \u00a0 \u00a0 ACCION DE TUTELA PARA SOLICITAR RECONOCIMIENTO DE LA PENSION DE SOBREVIVIENTES-Test \u00a0 de procedencia establecido en la sentencia SU.005\/18 \u00a0 \u00a0 ALCANCE DEL PRINCIPIO DE LA CONDICION MAS BENEFICIOSA EN MATERIA DE PENSION DE \u00a0 SOBREVIVIENTES-Ajuste jurisprudencial \u00a0 conforme sentencia SU.005\/18 \u00a0 \u00a0 PRINCIPIO DE LA CONDICION MAS BENEFICIOSA EN MATERIA DE PENSION DE \u00a0 SOBREVIVIENTES-Reglas \u00a0 de unificaci\u00f3n de la sentencia SU.005\/18 \u00a0 \u00a0 DERECHO A LA PENSION DE SOBREVIVIENTES-Orden a \u00a0 Colpensiones reconocer pensi\u00f3n de sobrevivientes a la accionante conforme \u00a0 al Acuerdo ...<br \/><div class=\"pt-cv-rmwrap\"><a href=\"https:\/\/www.dmsjuridica.com\/buscador_20179478954\/corteconstitucionalcronologico202454587\/t-082-18\/\" class=\"_self pt-cv-readmore btn btn-success\" target=\"_self\">Ver Sentencia Completa...<\/a><\/div><\/div><\/div><\/div>\n<div class=\"col-md-12 col-sm-12 col-xs-12 pt-cv-content-item pt-cv-1-col\" ><div class='pt-cv-ifield'><a href=\"https:\/\/www.dmsjuridica.com\/buscador_20179478954\/corteconstitucionalcronologico202454587\/t-081-18\/\" class=\"_self pt-cv-href-thumbnail pt-cv-thumb-default\" target=\"_self\" ><\/a>\n<div class=\"pt-cv-taxoterm above_title\"><a href='https:\/\/www.dmsjuridica.com\/buscador_20179478954\/corteconstitucionalcronologico202454587\/category\/buscar-en-toda-la-corte\/2018\/tutelas-2018\/' title='Tutelas 2018' class='pt-cv-tax-tutelas-2018'>Tutelas 2018<\/a><\/div>\n<h4 class=\"pt-cv-title\"><a href=\"https:\/\/www.dmsjuridica.com\/buscador_20179478954\/corteconstitucionalcronologico202454587\/t-081-18\/\" class=\"_self\" target=\"_self\" >T-081-18<\/a><\/h4>\n<div class=\"pt-cv-content\">\u00a0 \u00a0 \u00a0 \u00a0 \u00a0T-081-18 \u00a0 \u00a0 \u00a0 \u00a0 \u00a0 \u00a0\u00a0 Sentencia T-081\/18 \u00a0 \u00a0 ACCION DE TUTELA CONTRA PROVIDENCIAS JUDICIALES-Procedencia \u00a0 excepcional \u00a0 \u00a0 ACCION DE TUTELA CONTRA PROVIDENCIAS JUDICIALES-Requisitos generales y especiales de \u00a0 procedibilidad\u00a0 \u00a0 \u00a0 DEFECTO SUSTANTIVO COMO CAUSAL ESPECIFICA DE PROCEDIBILIDAD DE LA ACCION DE \u00a0 TUTELA CONTRA PROVIDENCIAS JUDICIALES-Reiteraci\u00f3n de jurisprudencia \u00a0 \u00a0 La jurisprudencia de esta Corte ha \u00a0 sostenido que el defecto sustantivo se configura, entre otros, en los siguientes \u00a0 eventos:\u00a0(i)\u00a0cuando la providencia judicial se fundamenta en una norma inaplicable al \u00a0 caso concreto, ya sea porque no se ajusta a ...<br \/><div class=\"pt-cv-rmwrap\"><a href=\"https:\/\/www.dmsjuridica.com\/buscador_20179478954\/corteconstitucionalcronologico202454587\/t-081-18\/\" class=\"_self pt-cv-readmore btn btn-success\" target=\"_self\">Ver Sentencia Completa...<\/a><\/div><\/div><\/div><\/div>\n<div class=\"col-md-12 col-sm-12 col-xs-12 pt-cv-content-item pt-cv-1-col\" ><div class='pt-cv-ifield'><a href=\"https:\/\/www.dmsjuridica.com\/buscador_20179478954\/corteconstitucionalcronologico202454587\/t-080-18\/\" class=\"_self pt-cv-href-thumbnail pt-cv-thumb-default\" target=\"_self\" ><\/a>\n<div class=\"pt-cv-taxoterm above_title\"><a href='https:\/\/www.dmsjuridica.com\/buscador_20179478954\/corteconstitucionalcronologico202454587\/category\/buscar-en-toda-la-corte\/2018\/tutelas-2018\/' title='Tutelas 2018' class='pt-cv-tax-tutelas-2018'>Tutelas 2018<\/a><\/div>\n<h4 class=\"pt-cv-title\"><a href=\"https:\/\/www.dmsjuridica.com\/buscador_20179478954\/corteconstitucionalcronologico202454587\/t-080-18\/\" class=\"_self\" target=\"_self\" >T-080-18<\/a><\/h4>\n<div class=\"pt-cv-content\">\u00a0 \u00a0 \u00a0 \u00a0 \u00a0T-080-18 \u00a0 \u00a0 \u00a0 \u00a0 \u00a0 \u00a0\u00a0 Sentencia T-080\/18 \u00a0 \u00a0 LEGITIMACION POR ACTIVA EN TUTELA-Cualquier persona puede exigir el cumplimiento de los derechos de \u00a0 los ni\u00f1os \u00a0 \u00a0 La Corte Constitucional ha considerado, en \u00a0 jurisprudencia constante, pac\u00edfica y uniforme, que la acci\u00f3n de tutela procede \u00a0 como mecanismo preferente para la protecci\u00f3n de los derechos de los pueblos \u00a0 ind\u00edgenas. \u00a0 \u00a0 INTERES SUPERIOR DEL MENOR-Prevalencia de los derechos de los ni\u00f1os \u00a0 \u00a0 INTERES SUPERIOR DEL \u00a0 NI\u00d1O INDIGENA-Reiteraci\u00f3n de la \u00a0 sentencia T-466\/16 \u00a0 \u00a0 INTERES SUPERIOR DEL \u00a0 NI\u00d1O INDIGENA-Protecci\u00f3n ...<br \/><div class=\"pt-cv-rmwrap\"><a href=\"https:\/\/www.dmsjuridica.com\/buscador_20179478954\/corteconstitucionalcronologico202454587\/t-080-18\/\" class=\"_self pt-cv-readmore btn btn-success\" target=\"_self\">Ver Sentencia Completa...<\/a><\/div><\/div><\/div><\/div>\n<div class=\"col-md-12 col-sm-12 col-xs-12 pt-cv-content-item pt-cv-1-col\" ><div class='pt-cv-ifield'><a href=\"https:\/\/www.dmsjuridica.com\/buscador_20179478954\/corteconstitucionalcronologico202454587\/t-079-18\/\" class=\"_self pt-cv-href-thumbnail pt-cv-thumb-default\" target=\"_self\" ><\/a>\n<div class=\"pt-cv-taxoterm above_title\"><a href='https:\/\/www.dmsjuridica.com\/buscador_20179478954\/corteconstitucionalcronologico202454587\/category\/buscar-en-toda-la-corte\/2018\/tutelas-2018\/' title='Tutelas 2018' class='pt-cv-tax-tutelas-2018'>Tutelas 2018<\/a><\/div>\n<h4 class=\"pt-cv-title\"><a href=\"https:\/\/www.dmsjuridica.com\/buscador_20179478954\/corteconstitucionalcronologico202454587\/t-079-18\/\" class=\"_self\" target=\"_self\" >T-079-18<\/a><\/h4>\n<div class=\"pt-cv-content\">\u00a0 \u00a0 \u00a0 \u00a0 \u00a0T-079-18 \u00a0 \u00a0 \u00a0 \u00a0 \u00a0 \u00a0\u00a0 Sentencia \u00a0 T-079\/18 \u00a0 \u00a0 PRINCIPIO DE CONGRUENCIA DE LAS SENTENCIAS-Alcance \u00a0 \u00a0 El \u00a0 principio de congruencia de las providencias, seg\u00fan el cual, la sentencia debe \u00a0 guardar consonancia con los hechos y las pretensiones esgrimidos en la \u00a0 correspondiente demanda. \u00a0 \u00a0 ACCION DE TUTELA CONTRA PROVIDENCIAS JUDICIALES-Procedencia excepcional \u00a0 \u00a0 ACCION DE TUTELA CONTRA PROVIDENCIAS JUDICIALES-Requisitos generales y especiales de \u00a0 procedibilidad \u00a0 \u00a0 BALDIOS-Generalidades \u00a0 \u00a0 TERRITORIOS COLECTIVOS-Caracter\u00edsticas \u00a0 \u00a0 ACCION DE TUTELA CONTRA PROVIDENCIAS JUDICIALES EN PROCESO DE \u00a0 PERTENENCIA-Improcedencia \u00a0 por incumplir requisitos ...<br \/><div class=\"pt-cv-rmwrap\"><a href=\"https:\/\/www.dmsjuridica.com\/buscador_20179478954\/corteconstitucionalcronologico202454587\/t-079-18\/\" class=\"_self pt-cv-readmore btn btn-success\" target=\"_self\">Ver Sentencia Completa...<\/a><\/div><\/div><\/div><\/div>\n<div class=\"col-md-12 col-sm-12 col-xs-12 pt-cv-content-item pt-cv-1-col\" ><div class='pt-cv-ifield'><a href=\"https:\/\/www.dmsjuridica.com\/buscador_20179478954\/corteconstitucionalcronologico202454587\/t-077-18\/\" class=\"_self pt-cv-href-thumbnail pt-cv-thumb-default\" target=\"_self\" ><\/a>\n<div class=\"pt-cv-taxoterm above_title\"><a href='https:\/\/www.dmsjuridica.com\/buscador_20179478954\/corteconstitucionalcronologico202454587\/category\/buscar-en-toda-la-corte\/2018\/tutelas-2018\/' title='Tutelas 2018' class='pt-cv-tax-tutelas-2018'>Tutelas 2018<\/a><\/div>\n<h4 class=\"pt-cv-title\"><a href=\"https:\/\/www.dmsjuridica.com\/buscador_20179478954\/corteconstitucionalcronologico202454587\/t-077-18\/\" class=\"_self\" target=\"_self\" >T-077-18<\/a><\/h4>\n<div class=\"pt-cv-content\">\u00a0 \u00a0 \u00a0 \u00a0 \u00a0T-077-18 \u00a0 \u00a0 \u00a0 \u00a0 \u00a0 \u00a0\u00a0 Sentencia T-077\/18 \u00a0 \u00a0 DERECHO FUNDAMENTAL DE PETICION-Caso en que banco emiti\u00f3 \u00a0 respuesta indicando que no era posible entregar informaci\u00f3n solicitada, por no \u00a0 probar la calidad de causahabiente necesaria para el acceso a informaci\u00f3n de \u00a0 car\u00e1cter confidencial y estar sometida a reserva bancaria \u00a0 \u00a0 DERECHO DE PETICION-Alcance y contenido \u00a0 \u00a0 DERECHO DE PETICION-N\u00facleo esencial \u00a0 \u00a0 DERECHO DE PETICION-Respuesta debe ser de fondo, oportuna, congruente y tener notificaci\u00f3n \u00a0 efectiva \u00a0 \u00a0 DERECHO DE PETICION-Reglas \u00a0 jurisprudenciales \u00a0 \u00a0 DERECHO DE PETICION ANTE PARTICULARES-Contenido\/DERECHO ...<br \/><div class=\"pt-cv-rmwrap\"><a href=\"https:\/\/www.dmsjuridica.com\/buscador_20179478954\/corteconstitucionalcronologico202454587\/t-077-18\/\" class=\"_self pt-cv-readmore btn btn-success\" target=\"_self\">Ver Sentencia Completa...<\/a><\/div><\/div><\/div><\/div>\n<div class=\"col-md-12 col-sm-12 col-xs-12 pt-cv-content-item pt-cv-1-col\" ><div class='pt-cv-ifield'><a href=\"https:\/\/www.dmsjuridica.com\/buscador_20179478954\/corteconstitucionalcronologico202454587\/t-076-18\/\" class=\"_self pt-cv-href-thumbnail pt-cv-thumb-default\" target=\"_self\" ><\/a>\n<div class=\"pt-cv-taxoterm above_title\"><a href='https:\/\/www.dmsjuridica.com\/buscador_20179478954\/corteconstitucionalcronologico202454587\/category\/buscar-en-toda-la-corte\/2018\/tutelas-2018\/' title='Tutelas 2018' class='pt-cv-tax-tutelas-2018'>Tutelas 2018<\/a><\/div>\n<h4 class=\"pt-cv-title\"><a href=\"https:\/\/www.dmsjuridica.com\/buscador_20179478954\/corteconstitucionalcronologico202454587\/t-076-18\/\" class=\"_self\" target=\"_self\" >T-076-18<\/a><\/h4>\n<div class=\"pt-cv-content\">\u00a0 \u00a0 \u00a0 \u00a0 \u00a0T-076-18 \u00a0 \u00a0 \u00a0 \u00a0 \u00a0 \u00a0\u00a0 Sentencia T-076\/18 \u00a0 \u00a0 ACCION DE \u00a0 TUTELA CONTRA ACTOS ADMINISTRATIVOS-Reiteraci\u00f3n de jurisprudencia sobre procedencia \u00a0 excepcional\u00a0 \u00a0 \u00a0 ACCION DE \u00a0 TUTELA CONTRA ACTOS ADMINISTRATIVOS-Precedente ha indicado que doctrina de tutela \u00a0 contra providencias judiciales es aplicable a actuaciones administrativas\u00a0 \u00a0 \u00a0 ACCION DE TUTELA CONTRA ACTOS \u00a0 ADMINISTRATIVOS-Requisitos \u00a0 generales y especiales de procedibilidad \u00a0 \u00a0 RECONOCIMIENTO Y PAGO DE PRESTACIONES SOCIALES DE CONFORMIDAD CON LAS NORMAS DEL \u00a0 REGIMEN GENERAL DE PENSIONES A LOS SECTORES QUE HACEN PARTE DEL REGIMEN \u00a0 ESPECIAL-Precedente jurisprudencial \u00a0 \u00a0 DERECHOS ...<br \/><div class=\"pt-cv-rmwrap\"><a href=\"https:\/\/www.dmsjuridica.com\/buscador_20179478954\/corteconstitucionalcronologico202454587\/t-076-18\/\" class=\"_self pt-cv-readmore btn btn-success\" target=\"_self\">Ver Sentencia Completa...<\/a><\/div><\/div><\/div><\/div>\n<div class=\"col-md-12 col-sm-12 col-xs-12 pt-cv-content-item pt-cv-1-col\" ><div class='pt-cv-ifield'><a href=\"https:\/\/www.dmsjuridica.com\/buscador_20179478954\/corteconstitucionalcronologico202454587\/t-074-18\/\" class=\"_self pt-cv-href-thumbnail pt-cv-thumb-default\" target=\"_self\" ><\/a>\n<div class=\"pt-cv-taxoterm above_title\"><a href='https:\/\/www.dmsjuridica.com\/buscador_20179478954\/corteconstitucionalcronologico202454587\/category\/buscar-en-toda-la-corte\/2018\/tutelas-2018\/' title='Tutelas 2018' class='pt-cv-tax-tutelas-2018'>Tutelas 2018<\/a><\/div>\n<h4 class=\"pt-cv-title\"><a href=\"https:\/\/www.dmsjuridica.com\/buscador_20179478954\/corteconstitucionalcronologico202454587\/t-074-18\/\" class=\"_self\" target=\"_self\" >T-074-18<\/a><\/h4>\n<div class=\"pt-cv-content\">\u00a0 \u00a0 \u00a0 \u00a0 \u00a0T-074-18 \u00a0 \u00a0 \u00a0 \u00a0 \u00a0 \u00a0\u00a0 Sentencia \u00a0 T-074\/18 \u00a0 \u00a0 ACCION DE TUTELA CONTRA PROVIDENCIAS JUDICIALES-Procedencia \u00a0 excepcional \u00a0 \u00a0 ACCION DE TUTELA CONTRA PROVIDENCIAS JUDICIALES-Requisitos generales y especiales de \u00a0 procedibilidad\u00a0 \u00a0 \u00a0 CARACTERIZACION DEL DEFECTO FACTICO COMO CAUSAL ESPECIFICA \u00a0 DE PROCEDIBILIDAD DE LA ACCION DE TUTELA CONTRA PROVIDENCIAS JUDICIALES \u00a0 \u00a0 De acuerdo con la jurisprudencia de esta \u00a0 Corporaci\u00f3n, el defecto f\u00e1ctico se origina por un error excepcional y \u00a0 protuberante en la valoraci\u00f3n de las pruebas recaudadas en el proceso ordinario, \u00a0 que adem\u00e1s de menguar la confiabilidad de ...<br \/><div class=\"pt-cv-rmwrap\"><a href=\"https:\/\/www.dmsjuridica.com\/buscador_20179478954\/corteconstitucionalcronologico202454587\/t-074-18\/\" class=\"_self pt-cv-readmore btn btn-success\" target=\"_self\">Ver Sentencia Completa...<\/a><\/div><\/div><\/div><\/div>\n<div class=\"col-md-12 col-sm-12 col-xs-12 pt-cv-content-item pt-cv-1-col\" ><div class='pt-cv-ifield'><a href=\"https:\/\/www.dmsjuridica.com\/buscador_20179478954\/corteconstitucionalcronologico202454587\/t-073-18\/\" class=\"_self pt-cv-href-thumbnail pt-cv-thumb-default\" target=\"_self\" ><\/a>\n<div class=\"pt-cv-taxoterm above_title\"><a href='https:\/\/www.dmsjuridica.com\/buscador_20179478954\/corteconstitucionalcronologico202454587\/category\/buscar-en-toda-la-corte\/2018\/tutelas-2018\/' title='Tutelas 2018' class='pt-cv-tax-tutelas-2018'>Tutelas 2018<\/a><\/div>\n<h4 class=\"pt-cv-title\"><a href=\"https:\/\/www.dmsjuridica.com\/buscador_20179478954\/corteconstitucionalcronologico202454587\/t-073-18\/\" class=\"_self\" target=\"_self\" >T-073-18<\/a><\/h4>\n<div class=\"pt-cv-content\">\u00a0 \u00a0 \u00a0 \u00a0 \u00a0T-073-18 \u00a0 \u00a0 \u00a0 \u00a0 \u00a0 \u00a0\u00a0 Sentencia T\u2013073\/18 \u00a0 \u00a0 Referencia: Expediente T-6.416.540 \u00a0 \u00a0 Asunto: Acci\u00f3n de tutela interpuesta por \u00a0 Irma De F\u00e1tima Ossa de Callejas, contra Compa\u00f1\u00eda de Galletas Noel S.A.S.\u00a0\u00a0 \u00a0 \u00a0 Magistrado Ponente: \u00a0 \u00a0 Luis Guillermo Guerrero P\u00e9rez \u00a0 \u00a0 Bogot\u00e1 D.C., primero (1\u00ba) de marzo de dos mil dieciocho \u00a0 (2018).\u00a0\u00a0 \u00a0 \u00a0 \u00a0\u00a0\u00a0\u00a0\u00a0\u00a0\u00a0\u00a0\u00a0\u00a0\u00a0\u00a0\u00a0\u00a0\u00a0\u00a0\u00a0\u00a0\u00a0\u00a0\u00a0\u00a0\u00a0\u00a0\u00a0 \u00a0 \u00a0 La Sala Tercera de Revisi\u00f3n de la Corte \u00a0 Constitucional, integrada por los Magistrados Alejandro Linares Cantillo, Antonio Jos\u00e9 Lizarazo Ocampo y Luis Guillermo Guerrero P\u00e9rez, quien la preside, en ejercicio de ...<br \/><div class=\"pt-cv-rmwrap\"><a href=\"https:\/\/www.dmsjuridica.com\/buscador_20179478954\/corteconstitucionalcronologico202454587\/t-073-18\/\" class=\"_self pt-cv-readmore btn btn-success\" target=\"_self\">Ver Sentencia Completa...<\/a><\/div><\/div><\/div><\/div>\n<div class=\"col-md-12 col-sm-12 col-xs-12 pt-cv-content-item pt-cv-1-col\" ><div class='pt-cv-ifield'><a href=\"https:\/\/www.dmsjuridica.com\/buscador_20179478954\/corteconstitucionalcronologico202454587\/t-072-18\/\" class=\"_self pt-cv-href-thumbnail pt-cv-thumb-default\" target=\"_self\" ><\/a>\n<div class=\"pt-cv-taxoterm above_title\"><a href='https:\/\/www.dmsjuridica.com\/buscador_20179478954\/corteconstitucionalcronologico202454587\/category\/buscar-en-toda-la-corte\/2018\/tutelas-2018\/' title='Tutelas 2018' class='pt-cv-tax-tutelas-2018'>Tutelas 2018<\/a><\/div>\n<h4 class=\"pt-cv-title\"><a href=\"https:\/\/www.dmsjuridica.com\/buscador_20179478954\/corteconstitucionalcronologico202454587\/t-072-18\/\" class=\"_self\" target=\"_self\" >T-072-18<\/a><\/h4>\n<div class=\"pt-cv-content\">\u00a0 \u00a0 \u00a0 \u00a0 \u00a0T-072-18 \u00a0 \u00a0 \u00a0 \u00a0 \u00a0 \u00a0\u00a0 Sentencia T-072\/18 \u00a0 \u00a0\u00a0 CARENCIA ACTUAL DE OBJETO-Configuraci\u00f3n y caracter\u00edsticas \u00a0 \u00a0 ACCION DE TUTELA \u00a0 CONTRA PROVIDENCIAS JUDICIALES-Reiteraci\u00f3n de jurisprudencia sobre procedencia excepcional\u00a0 \u00a0 \u00a0 La Corte \u00a0 Constitucional ha admitido la procedencia de la acci\u00f3n de tutela contra las \u00a0 decisiones de los jueces, en su calidad de autoridades p\u00fablicas, cuando incurran \u00a0 en graves falencias que las hagan incompatibles con la Constituci\u00f3n y afecten \u00a0 los derechos fundamentales de \u00a0 las partes. En todo caso, dicha procedencia es \u00a0 excepcional,\u00a0\u201ccon el fin de que no se ...<br \/><div class=\"pt-cv-rmwrap\"><a href=\"https:\/\/www.dmsjuridica.com\/buscador_20179478954\/corteconstitucionalcronologico202454587\/t-072-18\/\" class=\"_self pt-cv-readmore btn btn-success\" target=\"_self\">Ver Sentencia Completa...<\/a><\/div><\/div><\/div><\/div>\n<div class=\"col-md-12 col-sm-12 col-xs-12 pt-cv-content-item pt-cv-1-col\" ><div class='pt-cv-ifield'><a href=\"https:\/\/www.dmsjuridica.com\/buscador_20179478954\/corteconstitucionalcronologico202454587\/t-071-18\/\" class=\"_self pt-cv-href-thumbnail pt-cv-thumb-default\" target=\"_self\" ><\/a>\n<div class=\"pt-cv-taxoterm above_title\"><a href='https:\/\/www.dmsjuridica.com\/buscador_20179478954\/corteconstitucionalcronologico202454587\/category\/buscar-en-toda-la-corte\/2018\/tutelas-2018\/' title='Tutelas 2018' class='pt-cv-tax-tutelas-2018'>Tutelas 2018<\/a><\/div>\n<h4 class=\"pt-cv-title\"><a href=\"https:\/\/www.dmsjuridica.com\/buscador_20179478954\/corteconstitucionalcronologico202454587\/t-071-18\/\" class=\"_self\" target=\"_self\" >T-071-18<\/a><\/h4>\n<div class=\"pt-cv-content\">\u00a0 \u00a0 \u00a0 \u00a0 \u00a0T-071-18 \u00a0 \u00a0 \u00a0 \u00a0 \u00a0 \u00a0\u00a0 Sentencia T-071\/18 \u00a0 \u00a0 ACCION DE TUTELA PARA SOLICITAR REINTEGRO LABORAL-Improcedencia por existir otro medio de defensa judicial y no \u00a0 acreditar perjuicio irremediable \u00a0 \u00a0 No hay evidencia de alguna o \u00a0 circunstancia que permita concluir que la accionante se encuentra ante el riesgo \u00a0 de sufrir un da\u00f1o irreparable e inminente, que menoscabe gravemente su haber \u00a0 jur\u00eddico y que requiera la adopci\u00f3n de medidas urgentes e impostergables para \u00a0 conjurarlo, por lo que la acci\u00f3n de tutela no resulta procedente tampoco como \u00a0 mecanismo transitorio de ...<br \/><div class=\"pt-cv-rmwrap\"><a href=\"https:\/\/www.dmsjuridica.com\/buscador_20179478954\/corteconstitucionalcronologico202454587\/t-071-18\/\" class=\"_self pt-cv-readmore btn btn-success\" target=\"_self\">Ver Sentencia Completa...<\/a><\/div><\/div><\/div><\/div>\n<div class=\"col-md-12 col-sm-12 col-xs-12 pt-cv-content-item pt-cv-1-col\" ><div class='pt-cv-ifield'><a href=\"https:\/\/www.dmsjuridica.com\/buscador_20179478954\/corteconstitucionalcronologico202454587\/t-070-18\/\" class=\"_self pt-cv-href-thumbnail pt-cv-thumb-default\" target=\"_self\" ><\/a>\n<div class=\"pt-cv-taxoterm above_title\"><a href='https:\/\/www.dmsjuridica.com\/buscador_20179478954\/corteconstitucionalcronologico202454587\/category\/buscar-en-toda-la-corte\/2018\/tutelas-2018\/' title='Tutelas 2018' class='pt-cv-tax-tutelas-2018'>Tutelas 2018<\/a><\/div>\n<h4 class=\"pt-cv-title\"><a href=\"https:\/\/www.dmsjuridica.com\/buscador_20179478954\/corteconstitucionalcronologico202454587\/t-070-18\/\" class=\"_self\" target=\"_self\" >T-070-18<\/a><\/h4>\n<div class=\"pt-cv-content\">Sentencia T-070\/18 \u00a0 \u00a0 DERECHO A LA ADMINISTRACION DE JUSTICIA Y AL DEBIDO PROCESO-Caso en que accionante solicit\u00f3 \u00a0 a La Fiscal\u00eda General de la Naci\u00f3n designar un grupo de fiscales e \u00a0 investigadores en proceso de la toma del Palacio de Justicia \u00a0 \u00a0 LEGITIMACION POR ACTIVA EN \u00a0 TUTELA-Persona natural que act\u00faa en defensa de sus propios intereses \u00a0 \u00a0 COADYUVANCIA EN \u00a0 ACCION DE TUTELA \u00a0 \u00a0 Le corresponde a la Corte precisar que la coadyuvancia \u00a0 en la acci\u00f3n de tutela se encuentra expresamente prevista en el inciso 2\u00ba del \u00a0 art\u00edculo 13 del Decreto 2591 ...<br \/><div class=\"pt-cv-rmwrap\"><a href=\"https:\/\/www.dmsjuridica.com\/buscador_20179478954\/corteconstitucionalcronologico202454587\/t-070-18\/\" class=\"_self pt-cv-readmore btn btn-success\" target=\"_self\">Ver Sentencia Completa...<\/a><\/div><\/div><\/div><\/div>\n<div class=\"col-md-12 col-sm-12 col-xs-12 pt-cv-content-item pt-cv-1-col\" ><div class='pt-cv-ifield'><a href=\"https:\/\/www.dmsjuridica.com\/buscador_20179478954\/corteconstitucionalcronologico202454587\/t-069-18\/\" class=\"_self pt-cv-href-thumbnail pt-cv-thumb-default\" target=\"_self\" ><\/a>\n<div class=\"pt-cv-taxoterm above_title\"><a href='https:\/\/www.dmsjuridica.com\/buscador_20179478954\/corteconstitucionalcronologico202454587\/category\/buscar-en-toda-la-corte\/2018\/tutelas-2018\/' title='Tutelas 2018' class='pt-cv-tax-tutelas-2018'>Tutelas 2018<\/a><\/div>\n<h4 class=\"pt-cv-title\"><a href=\"https:\/\/www.dmsjuridica.com\/buscador_20179478954\/corteconstitucionalcronologico202454587\/t-069-18\/\" class=\"_self\" target=\"_self\" >T-069-18<\/a><\/h4>\n<div class=\"pt-cv-content\">\u00a0 \u00a0 \u00a0 \u00a0 \u00a0T-069-18 \u00a0 \u00a0 \u00a0 \u00a0 \u00a0 \u00a0\u00a0 Sentencia T-069\/18 \u00a0 \u00a0 FACULTADES JURISDICCIONALES A LA SUPERINTENDENCIA NACIONAL DE \u00a0 SALUD-Art 41 \u00a0 Ley 1122\/07 \u00a0 \u00a0 FUNCION \u00a0 JURISDICCIONAL POR SUPERINTENDENCIA NACIONAL DE SALUD-Caracter\u00edsticas \u00a0 \u00a0 ACCION DE \u00a0 TUTELA TEMERARIA-Identidad de partes, \u00a0 hechos y pretensiones \u00a0 \u00a0 ACTUACION \u00a0 TEMERARIA EN TUTELA-Presentaci\u00f3n de \u00a0 varias tutelas conlleva al rechazo o decisi\u00f3n desfavorable conforme al art. 38 \u00a0 del Decreto 2591\/91 \u00a0 \u00a0 CARENCIA \u00a0 ACTUAL DE OBJETO POR DA\u00d1O CONSUMADO CUANDO FALLECE EL TITULAR DE LOS DERECHOS \u00a0 FUNDAMENTALES-Reiteraci\u00f3n de \u00a0 jurisprudencia \u00a0 \u00a0 ...<br \/><div class=\"pt-cv-rmwrap\"><a href=\"https:\/\/www.dmsjuridica.com\/buscador_20179478954\/corteconstitucionalcronologico202454587\/t-069-18\/\" class=\"_self pt-cv-readmore btn btn-success\" target=\"_self\">Ver Sentencia Completa...<\/a><\/div><\/div><\/div><\/div>\n<div class=\"col-md-12 col-sm-12 col-xs-12 pt-cv-content-item pt-cv-1-col\" ><div class='pt-cv-ifield'><a href=\"https:\/\/www.dmsjuridica.com\/buscador_20179478954\/corteconstitucionalcronologico202454587\/t-068-18\/\" class=\"_self pt-cv-href-thumbnail pt-cv-thumb-default\" target=\"_self\" ><\/a>\n<div class=\"pt-cv-taxoterm above_title\"><a href='https:\/\/www.dmsjuridica.com\/buscador_20179478954\/corteconstitucionalcronologico202454587\/category\/buscar-en-toda-la-corte\/2018\/tutelas-2018\/' title='Tutelas 2018' class='pt-cv-tax-tutelas-2018'>Tutelas 2018<\/a><\/div>\n<h4 class=\"pt-cv-title\"><a href=\"https:\/\/www.dmsjuridica.com\/buscador_20179478954\/corteconstitucionalcronologico202454587\/t-068-18\/\" class=\"_self\" target=\"_self\" >T-068-18<\/a><\/h4>\n<div class=\"pt-cv-content\">\u00a0 \u00a0 \u00a0 \u00a0 \u00a0T-068-18 \u00a0 \u00a0 \u00a0 \u00a0 \u00a0 \u00a0\u00a0 Sentencia T-068\/18 \u00a0 \u00a0 DERECHO A LA ESTABILIDAD \u00a0 LABORAL REFORZADA DE SOLDADO PROFESIONAL EN SITUACION DE DISCAPACIDAD-Procedencia de la acci\u00f3n de \u00a0 tutela \u00a0 \u00a0 \u00a0 La jurisprudencia \u00a0 constitucional ha entendido que, por regla general, la acci\u00f3n de tutela procede \u00a0 de manera excepcional para controvertir las decisiones administrativas en las \u00a0 que se retira del servicio a un miembro de las fuerzas militares pues, en \u00a0 principio, quienes se vean afectados por una determinaci\u00f3n de esta naturaleza \u00a0 pueden valerse de los medios de control disponibles ...<br \/><div class=\"pt-cv-rmwrap\"><a href=\"https:\/\/www.dmsjuridica.com\/buscador_20179478954\/corteconstitucionalcronologico202454587\/t-068-18\/\" class=\"_self pt-cv-readmore btn btn-success\" target=\"_self\">Ver Sentencia Completa...<\/a><\/div><\/div><\/div><\/div>\n<div class=\"col-md-12 col-sm-12 col-xs-12 pt-cv-content-item pt-cv-1-col\" ><div class='pt-cv-ifield'><a href=\"https:\/\/www.dmsjuridica.com\/buscador_20179478954\/corteconstitucionalcronologico202454587\/t-067-18\/\" class=\"_self pt-cv-href-thumbnail pt-cv-thumb-default\" target=\"_self\" ><\/a>\n<div class=\"pt-cv-taxoterm above_title\"><a href='https:\/\/www.dmsjuridica.com\/buscador_20179478954\/corteconstitucionalcronologico202454587\/category\/buscar-en-toda-la-corte\/2018\/tutelas-2018\/' title='Tutelas 2018' class='pt-cv-tax-tutelas-2018'>Tutelas 2018<\/a><\/div>\n<h4 class=\"pt-cv-title\"><a href=\"https:\/\/www.dmsjuridica.com\/buscador_20179478954\/corteconstitucionalcronologico202454587\/t-067-18\/\" class=\"_self\" target=\"_self\" >T-067-18<\/a><\/h4>\n<div class=\"pt-cv-content\">\u00a0 \u00a0 \u00a0 \u00a0 \u00a0T-067-18 \u00a0 \u00a0 \u00a0 \u00a0 \u00a0 \u00a0\u00a0 Sentencia \u00a0 T-067\/18 \u00a0 \u00a0 DERECHO A LA EDUCACION Y PERMANENCIA EN EL SISTEMA EDUCATIVO-Vulneraci\u00f3n por \u00a0 colegio al condicionar reintegro a un nuevo concepto m\u00e9dico de menor que \u00a0 particip\u00f3 en juego\u00a0 en l\u00ednea \"ballena azul\" \u00a0 \u00a0 DERECHO A LA EDUCACION Y PERMANENCIA EN EL SISTEMA EDUCATIVO-Garant\u00eda al \u00a0 desarrollo arm\u00f3nico e integral del menor \u00a0 \u00a0 El desarrollo de un \u00a0 menor de edad debe ser arm\u00f3nico e integral, en los t\u00e9rminos establecidos en la \u00a0 Carta, por un lado, la integralidad implica comprender desde un ...<br \/><div class=\"pt-cv-rmwrap\"><a href=\"https:\/\/www.dmsjuridica.com\/buscador_20179478954\/corteconstitucionalcronologico202454587\/t-067-18\/\" class=\"_self pt-cv-readmore btn btn-success\" target=\"_self\">Ver Sentencia Completa...<\/a><\/div><\/div><\/div><\/div>\n<div class=\"col-md-12 col-sm-12 col-xs-12 pt-cv-content-item pt-cv-1-col\" ><div class='pt-cv-ifield'><a href=\"https:\/\/www.dmsjuridica.com\/buscador_20179478954\/corteconstitucionalcronologico202454587\/t-065-18\/\" class=\"_self pt-cv-href-thumbnail pt-cv-thumb-default\" target=\"_self\" ><\/a>\n<div class=\"pt-cv-taxoterm above_title\"><a href='https:\/\/www.dmsjuridica.com\/buscador_20179478954\/corteconstitucionalcronologico202454587\/category\/buscar-en-toda-la-corte\/2018\/tutelas-2018\/' title='Tutelas 2018' class='pt-cv-tax-tutelas-2018'>Tutelas 2018<\/a><\/div>\n<h4 class=\"pt-cv-title\"><a href=\"https:\/\/www.dmsjuridica.com\/buscador_20179478954\/corteconstitucionalcronologico202454587\/t-065-18\/\" class=\"_self\" target=\"_self\" >T-065-18<\/a><\/h4>\n<div class=\"pt-cv-content\">\u00a0 \u00a0 \u00a0 \u00a0 \u00a0T-065-18 \u00a0 \u00a0 \u00a0 \u00a0 \u00a0 \u00a0\u00a0 Sentencia T-065\/18 \u00a0 \u00a0 DERECHO A LA SALUD-Doble connotaci\u00f3n al ser un derecho fundamental y al mismo tiempo \u00a0 un servicio p\u00fablico \u00a0 \u00a0 DERECHO FUNDAMENTAL A LA SALUD-Naturaleza y contenido\/DERECHO FUNDAMENTAL \u00a0 A LA SALUD-Protecci\u00f3n constitucional especial \u00a0 \u00a0 SERVICIO DE ENFERMERIA DOMICILIARIA DENTRO \u00a0 DEL SISTEMA GENERAL DE SALUD-M\u00e9dico \u00a0 tratante deber\u00e1 ordenarlo \u00a0 \u00a0 ATENCION DOMICILIARIA-Procedencia del servicio de cuidador \u00a0 domiciliario en circunstancias especiales \u00a0 \u00a0 SUMINISTRO DEL SERVICIO DE ENFERMERIA Y \u00a0 ATENCION DOMICILIARIA-Debe \u00a0 ser garantizado por las EPS con cargo a los ...<br \/><div class=\"pt-cv-rmwrap\"><a href=\"https:\/\/www.dmsjuridica.com\/buscador_20179478954\/corteconstitucionalcronologico202454587\/t-065-18\/\" class=\"_self pt-cv-readmore btn btn-success\" target=\"_self\">Ver Sentencia Completa...<\/a><\/div><\/div><\/div><\/div>\n<div class=\"col-md-12 col-sm-12 col-xs-12 pt-cv-content-item pt-cv-1-col\" ><div class='pt-cv-ifield'><a href=\"https:\/\/www.dmsjuridica.com\/buscador_20179478954\/corteconstitucionalcronologico202454587\/t-064-18\/\" class=\"_self pt-cv-href-thumbnail pt-cv-thumb-default\" target=\"_self\" ><\/a>\n<div class=\"pt-cv-taxoterm above_title\"><a href='https:\/\/www.dmsjuridica.com\/buscador_20179478954\/corteconstitucionalcronologico202454587\/category\/buscar-en-toda-la-corte\/2018\/tutelas-2018\/' title='Tutelas 2018' class='pt-cv-tax-tutelas-2018'>Tutelas 2018<\/a><\/div>\n<h4 class=\"pt-cv-title\"><a href=\"https:\/\/www.dmsjuridica.com\/buscador_20179478954\/corteconstitucionalcronologico202454587\/t-064-18\/\" class=\"_self\" target=\"_self\" >T-064-18<\/a><\/h4>\n<div class=\"pt-cv-content\">\u00a0 \u00a0 \u00a0 \u00a0 \u00a0T-064-18 \u00a0 \u00a0 \u00a0 \u00a0 \u00a0 \u00a0\u00a0 Sentencia T-064\/18 \u00a0 \u00a0 ACCION DE TUTELA PARA RECLAMAR EL \u00a0 RECONOCIMIENTO Y PAGO DE DERECHOS PENSIONALES-Reglas \u00a0 jurisprudenciales para la procedencia \u00a0 \u00a0 ACCION DE TUTELA PARA RECONOCIMIENTO \u00a0 DE PENSION DE VEJEZ-Procedencia \u00a0 excepcional cuando se vulneran derechos de las personas de la tercera edad \u00a0 \u00a0 DERECHO A LA SEGURIDAD SOCIAL-Fundamental y aut\u00f3nomo \u00a0 \u00a0 MORA EN EL PAGO DE APORTES Y COTIZACIONES PENSIONALES-Entidad administradora de pensiones no \u00a0 puede hacer recaer sobre el trabajador las consecuencias negativas que se puedan \u00a0 derivar de la mora ...<br \/><div class=\"pt-cv-rmwrap\"><a href=\"https:\/\/www.dmsjuridica.com\/buscador_20179478954\/corteconstitucionalcronologico202454587\/t-064-18\/\" class=\"_self pt-cv-readmore btn btn-success\" target=\"_self\">Ver Sentencia Completa...<\/a><\/div><\/div><\/div><\/div>\n<div class=\"col-md-12 col-sm-12 col-xs-12 pt-cv-content-item pt-cv-1-col\" ><div class='pt-cv-ifield'><a href=\"https:\/\/www.dmsjuridica.com\/buscador_20179478954\/corteconstitucionalcronologico202454587\/t-063-18\/\" class=\"_self pt-cv-href-thumbnail pt-cv-thumb-default\" target=\"_self\" ><\/a>\n<div class=\"pt-cv-taxoterm above_title\"><a href='https:\/\/www.dmsjuridica.com\/buscador_20179478954\/corteconstitucionalcronologico202454587\/category\/buscar-en-toda-la-corte\/2018\/tutelas-2018\/' title='Tutelas 2018' class='pt-cv-tax-tutelas-2018'>Tutelas 2018<\/a><\/div>\n<h4 class=\"pt-cv-title\"><a href=\"https:\/\/www.dmsjuridica.com\/buscador_20179478954\/corteconstitucionalcronologico202454587\/t-063-18\/\" class=\"_self\" target=\"_self\" >T-063-18<\/a><\/h4>\n<div class=\"pt-cv-content\">\u00a0 \u00a0 \u00a0 \u00a0 \u00a0T-063-18 \u00a0 \u00a0 \u00a0 \u00a0 \u00a0 \u00a0\u00a0 Sentencia \u00a0 T-063\/18 \u00a0 \u00a0 CARENCIA \u00a0 ACTUAL DE OBJETO-Fen\u00f3meno que se configura en los siguientes eventos: hecho \u00a0 superado, da\u00f1o consumado o situaci\u00f3n sobreviniente \u00a0 \u00a0 CARENCIA \u00a0 ACTUAL DE OBJETO POR HECHO SUPERADO EN RELACION CON LA ALEGADA VULNERACION DEL DERECHO DE PETICION-Orden a Colpensiones reconocer y empezar a pagar pensi\u00f3n de invalidez \u00a0 \u00a0 PENSION DE \u00a0 INVALIDEZ-Finalidad \u00a0 \u00a0 Se ha indicado que la pensi\u00f3n de invalidez tiene la finalidad \u00a0 de garantizar el m\u00ednimo vital de quienes presentan una discapacidad que les \u00a0 impide ...<br \/><div class=\"pt-cv-rmwrap\"><a href=\"https:\/\/www.dmsjuridica.com\/buscador_20179478954\/corteconstitucionalcronologico202454587\/t-063-18\/\" class=\"_self pt-cv-readmore btn btn-success\" target=\"_self\">Ver Sentencia Completa...<\/a><\/div><\/div><\/div><\/div>\n<div class=\"col-md-12 col-sm-12 col-xs-12 pt-cv-content-item pt-cv-1-col\" ><div class='pt-cv-ifield'><a href=\"https:\/\/www.dmsjuridica.com\/buscador_20179478954\/corteconstitucionalcronologico202454587\/t-062-18\/\" class=\"_self pt-cv-href-thumbnail pt-cv-thumb-default\" target=\"_self\" ><\/a>\n<div class=\"pt-cv-taxoterm above_title\"><a href='https:\/\/www.dmsjuridica.com\/buscador_20179478954\/corteconstitucionalcronologico202454587\/category\/buscar-en-toda-la-corte\/2018\/tutelas-2018\/' title='Tutelas 2018' class='pt-cv-tax-tutelas-2018'>Tutelas 2018<\/a><\/div>\n<h4 class=\"pt-cv-title\"><a href=\"https:\/\/www.dmsjuridica.com\/buscador_20179478954\/corteconstitucionalcronologico202454587\/t-062-18\/\" class=\"_self\" target=\"_self\" >T-062-18<\/a><\/h4>\n<div class=\"pt-cv-content\">\u00a0 \u00a0 \u00a0 \u00a0 \u00a0T-062-18 \u00a0 \u00a0 \u00a0 \u00a0 \u00a0 \u00a0\u00a0 Sentencia T-062\/18 \u00a0 \u00a0 ACCION DE TUTELA CONTRA ADMINISTRACION DE CONJUNTO RESIDENCIAL-Caso en que se realiza cobro a residente, de los honorarios pagados \u00a0 a un abogado por la defensa del edificio en un proceso judicial, como una medida \u00a0 justificada para garantizar la convivencia y seguridad del conjunto \u00a0 \u00a0 ACCION DE TUTELA CONTRA ADMINISTRACION DE CONJUNTO RESIDENCIAL-Caso en que conjunto residencial neg\u00f3 la asignaci\u00f3n exclusiva de un \u00a0 parqueadero a residente en situaci\u00f3n de discapacidad \u00a0 \u00a0 DEBIDO PROCESO EN COBROS A RESIDENTES DE CONJUNTO CERRADO-La jurisprudencia ...<br \/><div class=\"pt-cv-rmwrap\"><a href=\"https:\/\/www.dmsjuridica.com\/buscador_20179478954\/corteconstitucionalcronologico202454587\/t-062-18\/\" class=\"_self pt-cv-readmore btn btn-success\" target=\"_self\">Ver Sentencia Completa...<\/a><\/div><\/div><\/div><\/div>\n<div class=\"col-md-12 col-sm-12 col-xs-12 pt-cv-content-item pt-cv-1-col\" ><div class='pt-cv-ifield'><a href=\"https:\/\/www.dmsjuridica.com\/buscador_20179478954\/corteconstitucionalcronologico202454587\/t-061-18\/\" class=\"_self pt-cv-href-thumbnail pt-cv-thumb-default\" target=\"_self\" ><\/a>\n<div class=\"pt-cv-taxoterm above_title\"><a href='https:\/\/www.dmsjuridica.com\/buscador_20179478954\/corteconstitucionalcronologico202454587\/category\/buscar-en-toda-la-corte\/2018\/tutelas-2018\/' title='Tutelas 2018' class='pt-cv-tax-tutelas-2018'>Tutelas 2018<\/a><\/div>\n<h4 class=\"pt-cv-title\"><a href=\"https:\/\/www.dmsjuridica.com\/buscador_20179478954\/corteconstitucionalcronologico202454587\/t-061-18\/\" class=\"_self\" target=\"_self\" >T-061-18<\/a><\/h4>\n<div class=\"pt-cv-content\">\u00a0 \u00a0 \u00a0 \u00a0 \u00a0T-061-18 \u00a0 \u00a0 \u00a0 \u00a0 \u00a0 \u00a0\u00a0 Sentencia \u00a0 T-061\/18 \u00a0 \u00a0 ACCION DE TUTELA PARA RECLAMAR \u00a0 PAGO DE ACREENCIAS LABORALES-Improcedencia general \u00a0 \u00a0 CARENCIA ACTUAL DE OBJETO-Fen\u00f3meno que se configura en \u00a0 los siguientes eventos: hecho superado, da\u00f1o consumado o situaci\u00f3n sobreviniente \u00a0 \u00a0 CARENCIA ACTUAL DE OBJETO POR \u00a0 HECHO SUPERADO-Configuraci\u00f3n \u00a0 \u00a0 CARENCIA ACTUAL DE OBJETO POR \u00a0 HECHO SUPERADO-Se reconoci\u00f3 pensi\u00f3n de invalidez \u00a0 \u00a0 INDEXACION-Mecanismo de actualizaci\u00f3n de \u00a0 obligaciones laborales dinerarias \u00a0 \u00a0 Ha se\u00f1alado la jurisprudencia constitucional que es deber de los empleadores \u00a0 incrementar anualmente los salarios ...<br \/><div class=\"pt-cv-rmwrap\"><a href=\"https:\/\/www.dmsjuridica.com\/buscador_20179478954\/corteconstitucionalcronologico202454587\/t-061-18\/\" class=\"_self pt-cv-readmore btn btn-success\" target=\"_self\">Ver Sentencia Completa...<\/a><\/div><\/div><\/div><\/div>\n<div class=\"col-md-12 col-sm-12 col-xs-12 pt-cv-content-item pt-cv-1-col\" ><div class='pt-cv-ifield'><a href=\"https:\/\/www.dmsjuridica.com\/buscador_20179478954\/corteconstitucionalcronologico202454587\/t-059-18\/\" class=\"_self pt-cv-href-thumbnail pt-cv-thumb-default\" target=\"_self\" ><\/a>\n<div class=\"pt-cv-taxoterm above_title\"><a href='https:\/\/www.dmsjuridica.com\/buscador_20179478954\/corteconstitucionalcronologico202454587\/category\/buscar-en-toda-la-corte\/2018\/tutelas-2018\/' title='Tutelas 2018' class='pt-cv-tax-tutelas-2018'>Tutelas 2018<\/a><\/div>\n<h4 class=\"pt-cv-title\"><a href=\"https:\/\/www.dmsjuridica.com\/buscador_20179478954\/corteconstitucionalcronologico202454587\/t-059-18\/\" class=\"_self\" target=\"_self\" >T-059-18<\/a><\/h4>\n<div class=\"pt-cv-content\">\u00a0 \u00a0 \u00a0 \u00a0 \u00a0T-059-18 \u00a0 \u00a0 \u00a0 \u00a0 \u00a0 \u00a0\u00a0 Sentencia \u00a0 T-059\/18 \u00a0 \u00a0 DERECHO A LA \u00a0 SALUD-Vulneraci\u00f3n por implante de lente de color diferente al color \u00a0 natural del iris \u00a0 \u00a0 FUNDAMENTALIDAD DEL DERECHO A LA SALUD-Principios rectores como oportunidad, eficiencia, calidad, \u00a0 integralidad, continuidad \u00a0 \u00a0 DERECHO A LA \u00a0 SALUD-Derecho a recibir los tratamientos con implicaciones est\u00e9ticas, que \u00a0 no buscan el embellecimiento sino la recuperaci\u00f3n del estado f\u00edsico previo a \u00a0 accidente, enfermedad o trauma \u00a0 \u00a0 Son las circunstancias espec\u00edficas de \u00a0 cada caso las que determinan si los procedimientos o ...<br \/><div class=\"pt-cv-rmwrap\"><a href=\"https:\/\/www.dmsjuridica.com\/buscador_20179478954\/corteconstitucionalcronologico202454587\/t-059-18\/\" class=\"_self pt-cv-readmore btn btn-success\" target=\"_self\">Ver Sentencia Completa...<\/a><\/div><\/div><\/div><\/div>\n<div class=\"col-md-12 col-sm-12 col-xs-12 pt-cv-content-item pt-cv-1-col\" ><div class='pt-cv-ifield'><a href=\"https:\/\/www.dmsjuridica.com\/buscador_20179478954\/corteconstitucionalcronologico202454587\/t-058-18\/\" class=\"_self pt-cv-href-thumbnail pt-cv-thumb-default\" target=\"_self\" ><\/a>\n<div class=\"pt-cv-taxoterm above_title\"><a href='https:\/\/www.dmsjuridica.com\/buscador_20179478954\/corteconstitucionalcronologico202454587\/category\/buscar-en-toda-la-corte\/2018\/tutelas-2018\/' title='Tutelas 2018' class='pt-cv-tax-tutelas-2018'>Tutelas 2018<\/a><\/div>\n<h4 class=\"pt-cv-title\"><a href=\"https:\/\/www.dmsjuridica.com\/buscador_20179478954\/corteconstitucionalcronologico202454587\/t-058-18\/\" class=\"_self\" target=\"_self\" >T-058-18<\/a><\/h4>\n<div class=\"pt-cv-content\">\u00a0 \u00a0 \u00a0 \u00a0 \u00a0T-058-18 \u00a0 \u00a0 \u00a0 \u00a0 \u00a0 \u00a0\u00a0 Sentencia T-058\/18 \u00a0 \u00a0 DERECHO FUNDAMENTAL DE PETICION-Marco jur\u00eddico y elementos esenciales \u00a0 \u00a0 DERECHO DE PETICION-N\u00facleo esencial \u00a0 \u00a0 DERECHO DE PETICION-Respuesta clara y precisa, congruente, de fondo y suficiente \u00a0 \u00a0 HISTORIA CLINICA-Documento privado sometido a reserva \u00a0 \u00a0 DERECHO FUNDAMENTAL DE PETICION-Relaci\u00f3n con el acceso a la historia cl\u00ednica, la \u00a0 obligaci\u00f3n de organizaci\u00f3n, manejo y custodia, el derecho fundamental de habeas \u00a0 data, acceso a la informaci\u00f3n y a la seguridad social \u00a0 \u00a0 HISTORIA CLINICA-Organizaci\u00f3n, manejo y custodia \u00a0 \u00a0 En relaci\u00f3n con su ...<br \/><div class=\"pt-cv-rmwrap\"><a href=\"https:\/\/www.dmsjuridica.com\/buscador_20179478954\/corteconstitucionalcronologico202454587\/t-058-18\/\" class=\"_self pt-cv-readmore btn btn-success\" target=\"_self\">Ver Sentencia Completa...<\/a><\/div><\/div><\/div><\/div>\n<div class=\"col-md-12 col-sm-12 col-xs-12 pt-cv-content-item pt-cv-1-col\" ><div class='pt-cv-ifield'><a href=\"https:\/\/www.dmsjuridica.com\/buscador_20179478954\/corteconstitucionalcronologico202454587\/t-055-18\/\" class=\"_self pt-cv-href-thumbnail pt-cv-thumb-default\" target=\"_self\" ><\/a>\n<div class=\"pt-cv-taxoterm above_title\"><a href='https:\/\/www.dmsjuridica.com\/buscador_20179478954\/corteconstitucionalcronologico202454587\/category\/buscar-en-toda-la-corte\/2018\/tutelas-2018\/' title='Tutelas 2018' class='pt-cv-tax-tutelas-2018'>Tutelas 2018<\/a><\/div>\n<h4 class=\"pt-cv-title\"><a href=\"https:\/\/www.dmsjuridica.com\/buscador_20179478954\/corteconstitucionalcronologico202454587\/t-055-18\/\" class=\"_self\" target=\"_self\" >T-055-18<\/a><\/h4>\n<div class=\"pt-cv-content\">\u00a0 \u00a0 \u00a0 \u00a0 \u00a0T-055-18 \u00a0 \u00a0 \u00a0 \u00a0 \u00a0 \u00a0\u00a0 Sentencia T-055\/18 \u00a0 \u00a0 ACCION DE TUTELA CONTRA PROVIDENCIAS JUDICIALES-Reiteraci\u00f3n de jurisprudencia \u00a0 sobre procedencia excepcional\u00a0 \u00a0 \u00a0 ACCION DE TUTELA CONTRA PROVIDENCIAS JUDICIALES-Requisitos generales y \u00a0 especiales de procedibilidad \u00a0 \u00a0 CARACTERIZACION DEL DEFECTO FACTICO COMO CAUSAL ESPECIFICA DE \u00a0 PROCEDIBILIDAD DE LA ACCION DE TUTELA CONTRA PROVIDENCIAS JUDICIALES \u00a0 \u00a0 DESCONOCIMIENTO DEL PRECEDENTE CONSTITUCIONAL COMO CAUSAL ESPECIFICA DE \u00a0 PROCEDIBILIDAD DE LA ACCION DE TUTELA CONTRA PROVIDENCIAS JUDICIALES \u00a0 \u00a0 IMPRESCRIPTIBILIDAD DEL INCREMENTO PENSIONAL DEL 14% EN RELACION CON EL CONYUGE \u00a0 O COMPA\u00d1ERO(A) PERMANENTE A CARGO-Jurisprudencia ...<br \/><div class=\"pt-cv-rmwrap\"><a href=\"https:\/\/www.dmsjuridica.com\/buscador_20179478954\/corteconstitucionalcronologico202454587\/t-055-18\/\" class=\"_self pt-cv-readmore btn btn-success\" target=\"_self\">Ver Sentencia Completa...<\/a><\/div><\/div><\/div><\/div>\n<div class=\"col-md-12 col-sm-12 col-xs-12 pt-cv-content-item pt-cv-1-col\" ><div class='pt-cv-ifield'><a href=\"https:\/\/www.dmsjuridica.com\/buscador_20179478954\/corteconstitucionalcronologico202454587\/t-054-18\/\" class=\"_self pt-cv-href-thumbnail pt-cv-thumb-default\" target=\"_self\" ><\/a>\n<div class=\"pt-cv-taxoterm above_title\"><a href='https:\/\/www.dmsjuridica.com\/buscador_20179478954\/corteconstitucionalcronologico202454587\/category\/buscar-en-toda-la-corte\/2018\/tutelas-2018\/' title='Tutelas 2018' class='pt-cv-tax-tutelas-2018'>Tutelas 2018<\/a><\/div>\n<h4 class=\"pt-cv-title\"><a href=\"https:\/\/www.dmsjuridica.com\/buscador_20179478954\/corteconstitucionalcronologico202454587\/t-054-18\/\" class=\"_self\" target=\"_self\" >T-054-18<\/a><\/h4>\n<div class=\"pt-cv-content\">\u00a0 \u00a0 \u00a0 \u00a0 \u00a0T-054-18 \u00a0 \u00a0 \u00a0 \u00a0 \u00a0 \u00a0\u00a0 Sentencia T-054\/18 \u00a0 \u00a0 \u00a0\u00a0\u00a0\u00a0\u00a0\u00a0\u00a0\u00a0\u00a0\u00a0\u00a0\u00a0\u00a0\u00a0\u00a0\u00a0\u00a0\u00a0\u00a0\u00a0\u00a0\u00a0\u00a0\u00a0\u00a0\u00a0\u00a0\u00a0\u00a0\u00a0\u00a0\u00a0\u00a0\u00a0\u00a0\u00a0\u00a0\u00a0\u00a0\u00a0\u00a0\u00a0\u00a0\u00a0\u00a0\u00a0\u00a0\u00a0\u00a0\u00a0\u00a0\u00a0\u00a0\u00a0\u00a0\u00a0\u00a0\u00a0\u00a0\u00a0\u00a0\u00a0\u00a0\u00a0\u00a0\u00a0\u00a0\u00a0\u00a0\u00a0\u00a0\u00a0\u00a0\u00a0\u00a0\u00a0\u00a0\u00a0\u00a0\u00a0\u00a0\u00a0\u00a0\u00a0\u00a0\u00a0\u00a0\u00a0\u00a0\u00a0\u00a0\u00a0\u00a0\u00a0 \u00a0 \u00a0 DEBIDO PROCESO EN EL MARCO \u00a0 DE LAS RELACIONES LABORALES Y CONTRACTUALES-Caso en que se termina unilateralmente \u00a0 contrato a trabajador, debido a que en el pasado \u00e9ste comparti\u00f3 fotograf\u00edas de \u00a0 car\u00e1cter \u00edntimo con su esposa en un portal web privado \u00a0 \u00a0 La Sala encuentra que las pr\u00e1cticas sexuales que el accionante tuviera en \u00a0 el pasado con su esposa, no tienen una relaci\u00f3n directa con el desempe\u00f1o de sus \u00a0 funciones ni permiten concluir que estas han sido ejercidas ...<br \/><div class=\"pt-cv-rmwrap\"><a href=\"https:\/\/www.dmsjuridica.com\/buscador_20179478954\/corteconstitucionalcronologico202454587\/t-054-18\/\" class=\"_self pt-cv-readmore btn btn-success\" target=\"_self\">Ver Sentencia Completa...<\/a><\/div><\/div><\/div><\/div>\n<div class=\"col-md-12 col-sm-12 col-xs-12 pt-cv-content-item pt-cv-1-col\" ><div class='pt-cv-ifield'><a href=\"https:\/\/www.dmsjuridica.com\/buscador_20179478954\/corteconstitucionalcronologico202454587\/t-053-18\/\" class=\"_self pt-cv-href-thumbnail pt-cv-thumb-default\" target=\"_self\" ><\/a>\n<div class=\"pt-cv-taxoterm above_title\"><a href='https:\/\/www.dmsjuridica.com\/buscador_20179478954\/corteconstitucionalcronologico202454587\/category\/buscar-en-toda-la-corte\/2018\/tutelas-2018\/' title='Tutelas 2018' class='pt-cv-tax-tutelas-2018'>Tutelas 2018<\/a><\/div>\n<h4 class=\"pt-cv-title\"><a href=\"https:\/\/www.dmsjuridica.com\/buscador_20179478954\/corteconstitucionalcronologico202454587\/t-053-18\/\" class=\"_self\" target=\"_self\" >T-053-18<\/a><\/h4>\n<div class=\"pt-cv-content\">\u00a0 \u00a0 \u00a0 \u00a0 \u00a0T-053-18 \u00a0 \u00a0 \u00a0 \u00a0 \u00a0 \u00a0\u00a0 Sentencia T-053\/18 \u00a0 \u00a0 DERECHO FUNDAMENTAL A LA SEGURIDAD SOCIAL-Reiteraci\u00f3n de \u00a0 jurisprudencia \u00a0 \u00a0 PENSION DE INVALIDEZ-Finalidad\/PENSION DE INVALIDEZ-Requisitos para obtener \u00a0 reconocimiento y pago \u00a0 \u00a0 APLICACION DEL PRINCIPIO DE LA CONDICION MAS BENEFICIOSA A LA \u00a0 PENSION DE INVALIDEZ-Alcance \u00a0 \u00a0 APLICACION DEL PRINCIPIO DE LA CONDICION MAS BENEFICIOSA A LA \u00a0 PENSION DE INVALIDEZ-Diferencias entre la jurisprudencia \u00a0 constitucional y la jurisprudencia de la Corte Suprema de Justicia \u00a0 \u00a0 DERECHOS FUNDAMENTALES A LA VIDA DIGNA, AL MINIMO VITAL Y A LA \u00a0 SEGURIDAD SOCIAL-Vulneraci\u00f3n ...<br \/><div class=\"pt-cv-rmwrap\"><a href=\"https:\/\/www.dmsjuridica.com\/buscador_20179478954\/corteconstitucionalcronologico202454587\/t-053-18\/\" class=\"_self pt-cv-readmore btn btn-success\" target=\"_self\">Ver Sentencia Completa...<\/a><\/div><\/div><\/div><\/div>\n<div class=\"col-md-12 col-sm-12 col-xs-12 pt-cv-content-item pt-cv-1-col\" ><div class='pt-cv-ifield'><a href=\"https:\/\/www.dmsjuridica.com\/buscador_20179478954\/corteconstitucionalcronologico202454587\/t-052-18\/\" class=\"_self pt-cv-href-thumbnail pt-cv-thumb-default\" target=\"_self\" ><\/a>\n<div class=\"pt-cv-taxoterm above_title\"><a href='https:\/\/www.dmsjuridica.com\/buscador_20179478954\/corteconstitucionalcronologico202454587\/category\/buscar-en-toda-la-corte\/2018\/tutelas-2018\/' title='Tutelas 2018' class='pt-cv-tax-tutelas-2018'>Tutelas 2018<\/a><\/div>\n<h4 class=\"pt-cv-title\"><a href=\"https:\/\/www.dmsjuridica.com\/buscador_20179478954\/corteconstitucionalcronologico202454587\/t-052-18\/\" class=\"_self\" target=\"_self\" >T-052-18<\/a><\/h4>\n<div class=\"pt-cv-content\">\u00a0 \u00a0 \u00a0 \u00a0 \u00a0T-052-18 \u00a0 \u00a0 \u00a0 \u00a0 \u00a0 \u00a0\u00a0 Sentencia T-052\/18 \u00a0 \u00a0 DERECHO DE ACCESO A LA ADMINISTRACION DE JUSTICIA \u00a0 EN CASOS DE MORA JUDICIAL-Procede acci\u00f3n \u00a0 de tutela transitoria para la protecci\u00f3n de derechos fundamentales \u00a0 \u00a0 PRINCIPIO DE SUBSIDIARIEDAD DE LA ACCION DE \u00a0 TUTELA-Procedencia excepcional como mecanismo transitorio \u00a0 para evitar un perjuicio irremediable \u00a0 \u00a0 RECURSO EXTRAORDINARIO DE CASACION-Finalidad\/RECURSO EXTRAORDINARIO DE CASACION-Naturaleza \u00a0 jur\u00eddica y funci\u00f3n \u00a0 \u00a0 A \u00a0 partir de la expedici\u00f3n del C\u00f3digo General del Proceso o Ley 1564 de 2012, el \u00a0 espectro del recurso de casaci\u00f3n fue ...<br \/><div class=\"pt-cv-rmwrap\"><a href=\"https:\/\/www.dmsjuridica.com\/buscador_20179478954\/corteconstitucionalcronologico202454587\/t-052-18\/\" class=\"_self pt-cv-readmore btn btn-success\" target=\"_self\">Ver Sentencia Completa...<\/a><\/div><\/div><\/div><\/div>\n<div class=\"col-md-12 col-sm-12 col-xs-12 pt-cv-content-item pt-cv-1-col\" ><div class='pt-cv-ifield'><a href=\"https:\/\/www.dmsjuridica.com\/buscador_20179478954\/corteconstitucionalcronologico202454587\/t-051-18\/\" class=\"_self pt-cv-href-thumbnail pt-cv-thumb-default\" target=\"_self\" ><\/a>\n<div class=\"pt-cv-taxoterm above_title\"><a href='https:\/\/www.dmsjuridica.com\/buscador_20179478954\/corteconstitucionalcronologico202454587\/category\/buscar-en-toda-la-corte\/2018\/tutelas-2018\/' title='Tutelas 2018' class='pt-cv-tax-tutelas-2018'>Tutelas 2018<\/a><\/div>\n<h4 class=\"pt-cv-title\"><a href=\"https:\/\/www.dmsjuridica.com\/buscador_20179478954\/corteconstitucionalcronologico202454587\/t-051-18\/\" class=\"_self\" target=\"_self\" >T-051-18<\/a><\/h4>\n<div class=\"pt-cv-content\">\u00a0 \u00a0 \u00a0 \u00a0 \u00a0T-051-18 \u00a0 \u00a0 \u00a0 \u00a0 \u00a0 \u00a0\u00a0 Sentencia T-051\/18 \u00a0 \u00a0 DERECHOS DE LAS MINORIAS MARGINADAS-Infectados con \u00a0 VIH\/SIDA sujetos de especial protecci\u00f3n tanto en el orden constitucional interno \u00a0 como en el plano internacional \u00a0 \u00a0 ACCION DE TUTELA EN MATERIA DE ESTABILIDAD LABORAL \u00a0 DE ENFERMO DE VIH\/SIDA-Improcedencia por no existir perjuicio \u00a0 irremediable y no probarse discriminaci\u00f3n \u00a0 \u00a0 La controversia planteada por el accionante es de naturaleza \u00a0 laboral, y el accionante, a pesar de padecer enfermedades cr\u00f3nicas graves goza \u00a0 de acceso al servicio de salud y no se evidenci\u00f3 que ...<br \/><div class=\"pt-cv-rmwrap\"><a href=\"https:\/\/www.dmsjuridica.com\/buscador_20179478954\/corteconstitucionalcronologico202454587\/t-051-18\/\" class=\"_self pt-cv-readmore btn btn-success\" target=\"_self\">Ver Sentencia Completa...<\/a><\/div><\/div><\/div><\/div>\n<div class=\"col-md-12 col-sm-12 col-xs-12 pt-cv-content-item pt-cv-1-col\" ><div class='pt-cv-ifield'><a href=\"https:\/\/www.dmsjuridica.com\/buscador_20179478954\/corteconstitucionalcronologico202454587\/t-049-18\/\" class=\"_self pt-cv-href-thumbnail pt-cv-thumb-default\" target=\"_self\" ><\/a>\n<div class=\"pt-cv-taxoterm above_title\"><a href='https:\/\/www.dmsjuridica.com\/buscador_20179478954\/corteconstitucionalcronologico202454587\/category\/buscar-en-toda-la-corte\/2018\/tutelas-2018\/' title='Tutelas 2018' class='pt-cv-tax-tutelas-2018'>Tutelas 2018<\/a><\/div>\n<h4 class=\"pt-cv-title\"><a href=\"https:\/\/www.dmsjuridica.com\/buscador_20179478954\/corteconstitucionalcronologico202454587\/t-049-18\/\" class=\"_self\" target=\"_self\" >T-049-18<\/a><\/h4>\n<div class=\"pt-cv-content\">\u00a0 \u00a0 \u00a0 \u00a0 \u00a0T-049-18 \u00a0 \u00a0 \u00a0 \u00a0 \u00a0 \u00a0\u00a0 Sentencia T-049\/18 \u00a0 \u00a0 ACCION DE TUTELA CONTRA ACTOS ADMINISTRATIVOS DE \u00a0 CARACTER PARTICULAR Y CONCRETO-Procedencia excepcional \u00a0 \u00a0 SERVICIO MILITAR OBLIGATORIO-Marco \u00a0 normativo y jurisprudencial \u00a0 \u00a0 CAUSALES DE EXENCION Y APLAZAMIENTO A LA \u00a0 PRESTACION DEL SERVICIO MILITAR OBLIGATORIO-Normatividad \u00a0 \u00a0 DEBER CONSTITUCIONAL DE PRESTACION DEL SERVICIO \u00a0 MILITAR OBLIGATORIO-Reiteraci\u00f3n de jurisprudencia \u00a0 \u00a0 El servicio militar \u00a0 obligatorio no es un deber constitucional absoluto, sino que por el contrario, \u00a0 est\u00e1 sujeto a l\u00edmites, exenciones y aplazamientos \u201cen todo tiempo, y\u00a0en tiempos de paz\u201d. \u00a0 \u00a0 ...<br \/><div class=\"pt-cv-rmwrap\"><a href=\"https:\/\/www.dmsjuridica.com\/buscador_20179478954\/corteconstitucionalcronologico202454587\/t-049-18\/\" class=\"_self pt-cv-readmore btn btn-success\" target=\"_self\">Ver Sentencia Completa...<\/a><\/div><\/div><\/div><\/div>\n<div class=\"col-md-12 col-sm-12 col-xs-12 pt-cv-content-item pt-cv-1-col\" ><div class='pt-cv-ifield'><a href=\"https:\/\/www.dmsjuridica.com\/buscador_20179478954\/corteconstitucionalcronologico202454587\/t-048-18\/\" class=\"_self pt-cv-href-thumbnail pt-cv-thumb-default\" target=\"_self\" ><\/a>\n<div class=\"pt-cv-taxoterm above_title\"><a href='https:\/\/www.dmsjuridica.com\/buscador_20179478954\/corteconstitucionalcronologico202454587\/category\/buscar-en-toda-la-corte\/2018\/tutelas-2018\/' title='Tutelas 2018' class='pt-cv-tax-tutelas-2018'>Tutelas 2018<\/a><\/div>\n<h4 class=\"pt-cv-title\"><a href=\"https:\/\/www.dmsjuridica.com\/buscador_20179478954\/corteconstitucionalcronologico202454587\/t-048-18\/\" class=\"_self\" target=\"_self\" >T-048-18<\/a><\/h4>\n<div class=\"pt-cv-content\">\u00a0 \u00a0 \u00a0 \u00a0 \u00a0T-048-18 \u00a0 \u00a0 \u00a0 \u00a0 \u00a0 \u00a0\u00a0 Sentencia T-048\/18 \u00a0 \u00a0 SUSPENSION DE \u00a0 CONTRATO DE TRABAJO-Causales taxativas \u00a0 \u00a0 El C\u00f3digo Sustantivo del Trabajo en el art\u00edculo 51 subrogado por el art\u00edculo 4 \u00a0 de la Ley 50 de 1990, establece que el contrato de trabajo se suspender\u00e1 por una \u00a0 serie de causales all\u00ed previstas de forma taxativa, pues lo pretendido por la \u00a0 norma es evitar que de forma intempestiva el empleador cierre la unidad \u00a0 productiva de la que derivan su subsistencia los trabajadores y su familia, en \u00a0 ese sentido la ...<br \/><div class=\"pt-cv-rmwrap\"><a href=\"https:\/\/www.dmsjuridica.com\/buscador_20179478954\/corteconstitucionalcronologico202454587\/t-048-18\/\" class=\"_self pt-cv-readmore btn btn-success\" target=\"_self\">Ver Sentencia Completa...<\/a><\/div><\/div><\/div><\/div>\n<div class=\"col-md-12 col-sm-12 col-xs-12 pt-cv-content-item pt-cv-1-col\" ><div class='pt-cv-ifield'><a href=\"https:\/\/www.dmsjuridica.com\/buscador_20179478954\/corteconstitucionalcronologico202454587\/t-047-18\/\" class=\"_self pt-cv-href-thumbnail pt-cv-thumb-default\" target=\"_self\" ><\/a>\n<div class=\"pt-cv-taxoterm above_title\"><a href='https:\/\/www.dmsjuridica.com\/buscador_20179478954\/corteconstitucionalcronologico202454587\/category\/buscar-en-toda-la-corte\/2018\/tutelas-2018\/' title='Tutelas 2018' class='pt-cv-tax-tutelas-2018'>Tutelas 2018<\/a><\/div>\n<h4 class=\"pt-cv-title\"><a href=\"https:\/\/www.dmsjuridica.com\/buscador_20179478954\/corteconstitucionalcronologico202454587\/t-047-18\/\" class=\"_self\" target=\"_self\" >T-047-18<\/a><\/h4>\n<div class=\"pt-cv-content\">\u00a0 \u00a0 \u00a0 \u00a0 \u00a0T-047-18 \u00a0 \u00a0 \u00a0 \u00a0 \u00a0 \u00a0\u00a0 Sentencia T-047\/18 \u00a0 \u00a0 DERECHO FUNDAMENTAL A LA SEGURIDAD SOCIAL Y DERECHO AL MINIMO VITAL-Relaci\u00f3n \u00a0 \u00a0 Se evidencia la relaci\u00f3n \u00a0 que existe entre el derecho a la seguridad social, en especial los derechos \u00a0 pensionales, y el derecho fundamental al m\u00ednimo vital, m\u00e1s aun, cuando se trata \u00a0 de personas que se encuentran en estado de indefensi\u00f3n, y son titulares de una \u00a0 especial protecci\u00f3n constitucional como aquellas que se encuentran en condici\u00f3n \u00a0 de discapacidad. \u00a0 \u00a0 PENSION DE INVALIDEZ-Evoluci\u00f3n normativa \u00a0 \u00a0 PRINCIPIO DE LA ...<br \/><div class=\"pt-cv-rmwrap\"><a href=\"https:\/\/www.dmsjuridica.com\/buscador_20179478954\/corteconstitucionalcronologico202454587\/t-047-18\/\" class=\"_self pt-cv-readmore btn btn-success\" target=\"_self\">Ver Sentencia Completa...<\/a><\/div><\/div><\/div><\/div>\n<div class=\"col-md-12 col-sm-12 col-xs-12 pt-cv-content-item pt-cv-1-col\" ><div class='pt-cv-ifield'><a href=\"https:\/\/www.dmsjuridica.com\/buscador_20179478954\/corteconstitucionalcronologico202454587\/t-044-18\/\" class=\"_self pt-cv-href-thumbnail pt-cv-thumb-default\" target=\"_self\" ><\/a>\n<div class=\"pt-cv-taxoterm above_title\"><a href='https:\/\/www.dmsjuridica.com\/buscador_20179478954\/corteconstitucionalcronologico202454587\/category\/buscar-en-toda-la-corte\/2018\/tutelas-2018\/' title='Tutelas 2018' class='pt-cv-tax-tutelas-2018'>Tutelas 2018<\/a><\/div>\n<h4 class=\"pt-cv-title\"><a href=\"https:\/\/www.dmsjuridica.com\/buscador_20179478954\/corteconstitucionalcronologico202454587\/t-044-18\/\" class=\"_self\" target=\"_self\" >T-044-18<\/a><\/h4>\n<div class=\"pt-cv-content\">Sentencia T-044\/18 \u00a0 \u00a0 DERECHO DE DEFENSA Y CONTRADICCION EN EL PROCESO ADMINISTRATIVO \u00a0 \u00a0 PENSION DE INVALIDEZ-Finalidad \u00a0 \u00a0 PENSION DE INVALIDEZ-Requisitos para obtener reconocimiento y pago \u00a0 \u00a0 CALIFICACION DE LA PERDIDA DE CAPACIDAD LABORAL-Tr\u00e1mite \u00a0 \u00a0 CALIFICACION DE LA PERDIDA DE CAPACIDAD LABORAL-Corresponde a la Junta \u00a0 Regional de Calificaci\u00f3n de Invalidez calificar en primera instancia la p\u00e9rdida \u00a0 de capacidad laboral, el estado de invalidez y determinar su origen \u00a0 \u00a0 JUNTA NACIONAL DE CALIFICACION DE INVALIDEZ-Competencia para \u00a0 resolver, en segunda instancia, las controversias relativas a las decisiones de \u00a0 las juntas regionales \u00a0 \u00a0 ...<br \/><div class=\"pt-cv-rmwrap\"><a href=\"https:\/\/www.dmsjuridica.com\/buscador_20179478954\/corteconstitucionalcronologico202454587\/t-044-18\/\" class=\"_self pt-cv-readmore btn btn-success\" target=\"_self\">Ver Sentencia Completa...<\/a><\/div><\/div><\/div><\/div>\n<div class=\"col-md-12 col-sm-12 col-xs-12 pt-cv-content-item pt-cv-1-col\" ><div class='pt-cv-ifield'><a href=\"https:\/\/www.dmsjuridica.com\/buscador_20179478954\/corteconstitucionalcronologico202454587\/t-043-18\/\" class=\"_self pt-cv-href-thumbnail pt-cv-thumb-default\" target=\"_self\" ><\/a>\n<div class=\"pt-cv-taxoterm above_title\"><a href='https:\/\/www.dmsjuridica.com\/buscador_20179478954\/corteconstitucionalcronologico202454587\/category\/buscar-en-toda-la-corte\/2018\/tutelas-2018\/' title='Tutelas 2018' class='pt-cv-tax-tutelas-2018'>Tutelas 2018<\/a><\/div>\n<h4 class=\"pt-cv-title\"><a href=\"https:\/\/www.dmsjuridica.com\/buscador_20179478954\/corteconstitucionalcronologico202454587\/t-043-18\/\" class=\"_self\" target=\"_self\" >T-043-18<\/a><\/h4>\n<div class=\"pt-cv-content\">\u00a0 \u00a0 \u00a0 \u00a0 \u00a0T-043-18 \u00a0 \u00a0 \u00a0 \u00a0 \u00a0 \u00a0\u00a0 Sentencia T-043\/18 \u00a0 \u00a0 ACCION DE TUTELA PARA RECLAMAR ACREENCIAS LABORALES-Procedencia excepcional \u00a0 \u00a0 En lo que respecta al reconocimiento de acreencias laborales \u00a0 por medio de la acci\u00f3n de tutela, la jurisprudencia constitucional ha se\u00f1alado \u00a0 que por regla general dicha pretensi\u00f3n no es susceptible de ampararse por esta \u00a0 v\u00eda, por cuanto en el ordenamiento jur\u00eddico la jurisdicci\u00f3n ordinaria laboral, o \u00a0 la jurisdicci\u00f3n de contenciosa administrativa tienen mecanismos id\u00f3neos y \u00a0 eficaces de defensa judicial seg\u00fan el caso. Sin embargo,\u00a0de manera excepcional, \u00a0 se ha contemplado ...<br \/><div class=\"pt-cv-rmwrap\"><a href=\"https:\/\/www.dmsjuridica.com\/buscador_20179478954\/corteconstitucionalcronologico202454587\/t-043-18\/\" class=\"_self pt-cv-readmore btn btn-success\" target=\"_self\">Ver Sentencia Completa...<\/a><\/div><\/div><\/div><\/div>\n<div class=\"col-md-12 col-sm-12 col-xs-12 pt-cv-content-item pt-cv-1-col\" ><div class='pt-cv-ifield'><a href=\"https:\/\/www.dmsjuridica.com\/buscador_20179478954\/corteconstitucionalcronologico202454587\/t-041-18\/\" class=\"_self pt-cv-href-thumbnail pt-cv-thumb-default\" target=\"_self\" ><\/a>\n<div class=\"pt-cv-taxoterm above_title\"><a href='https:\/\/www.dmsjuridica.com\/buscador_20179478954\/corteconstitucionalcronologico202454587\/category\/buscar-en-toda-la-corte\/2018\/tutelas-2018\/' title='Tutelas 2018' class='pt-cv-tax-tutelas-2018'>Tutelas 2018<\/a><\/div>\n<h4 class=\"pt-cv-title\"><a href=\"https:\/\/www.dmsjuridica.com\/buscador_20179478954\/corteconstitucionalcronologico202454587\/t-041-18\/\" class=\"_self\" target=\"_self\" >T-041-18<\/a><\/h4>\n<div class=\"pt-cv-content\">\u00a0 \u00a0 \u00a0 \u00a0 \u00a0T-041-18 \u00a0 \u00a0 \u00a0 \u00a0 \u00a0 \u00a0\u00a0 Sentencia T-041\/18 \u00a0 \u00a0 ACCION DE TUTELA CONTRA \u00a0 PROVIDENCIAS JUDICIALES-Reiteraci\u00f3n \u00a0 de jurisprudencia sobre procedencia excepcional\u00a0 \u00a0 \u00a0 ACCION DE TUTELA CONTRA \u00a0 PROVIDENCIAS JUDICIALES-Requisitos generales y especiales de procedibilidad \u00a0 \u00a0 El defecto f\u00e1ctico se configura cuando: i) existe una omisi\u00f3n en el decreto de \u00a0 pruebas que eran necesarias en el proceso; ii) se verifica una valoraci\u00f3n \u00a0 caprichosa y arbitraria de las pruebas presentadas; o iii) no se valora en su \u00a0 integridad el material probatorio. \u00a0 \u00a0 DECISION SIN MOTIVACION COMO CAUSAL DE PROCEDIBILIDAD ...<br \/><div class=\"pt-cv-rmwrap\"><a href=\"https:\/\/www.dmsjuridica.com\/buscador_20179478954\/corteconstitucionalcronologico202454587\/t-041-18\/\" class=\"_self pt-cv-readmore btn btn-success\" target=\"_self\">Ver Sentencia Completa...<\/a><\/div><\/div><\/div><\/div>\n<div class=\"col-md-12 col-sm-12 col-xs-12 pt-cv-content-item pt-cv-1-col\" ><div class='pt-cv-ifield'><a href=\"https:\/\/www.dmsjuridica.com\/buscador_20179478954\/corteconstitucionalcronologico202454587\/t-040-18\/\" class=\"_self pt-cv-href-thumbnail pt-cv-thumb-default\" target=\"_self\" ><\/a>\n<div class=\"pt-cv-taxoterm above_title\"><a href='https:\/\/www.dmsjuridica.com\/buscador_20179478954\/corteconstitucionalcronologico202454587\/category\/buscar-en-toda-la-corte\/2018\/tutelas-2018\/' title='Tutelas 2018' class='pt-cv-tax-tutelas-2018'>Tutelas 2018<\/a><\/div>\n<h4 class=\"pt-cv-title\"><a href=\"https:\/\/www.dmsjuridica.com\/buscador_20179478954\/corteconstitucionalcronologico202454587\/t-040-18\/\" class=\"_self\" target=\"_self\" >T-040-18<\/a><\/h4>\n<div class=\"pt-cv-content\">\u00a0 \u00a0 \u00a0 \u00a0 \u00a0T-040-18 \u00a0 \u00a0 \u00a0 \u00a0 \u00a0 \u00a0\u00a0 Sentencia T-040\/18 \u00a0 \u00a0 ACCION DE TUTELA PARA RECLAMAR ACREENCIAS LABORALES-Procedencia excepcional \u00a0 \u00a0 Esta Corporaci\u00f3n ha sostenido que por regla \u00a0 general la liquidaci\u00f3n y pago de acreencias laborales escapa del \u00e1mbito propio \u00a0 de la acci\u00f3n de tutela, y solo de manera excepcional, se ha admitido su \u00a0 procedencia ante la falta de idoneidad del medio de defensa ordinario. \u00a0 \u00a0 DERECHO INCIERTO Y DISCUTIBLE-Concepto \u00a0 \u00a0 Un derecho es incierto y discutible cuando (i) los hechos no \u00a0 son claros; (ii) la norma que lo prev\u00e9 ...<br \/><div class=\"pt-cv-rmwrap\"><a href=\"https:\/\/www.dmsjuridica.com\/buscador_20179478954\/corteconstitucionalcronologico202454587\/t-040-18\/\" class=\"_self pt-cv-readmore btn btn-success\" target=\"_self\">Ver Sentencia Completa...<\/a><\/div><\/div><\/div><\/div>\n<div class=\"col-md-12 col-sm-12 col-xs-12 pt-cv-content-item pt-cv-1-col\" ><div class='pt-cv-ifield'><a href=\"https:\/\/www.dmsjuridica.com\/buscador_20179478954\/corteconstitucionalcronologico202454587\/t-039-18\/\" class=\"_self pt-cv-href-thumbnail pt-cv-thumb-default\" target=\"_self\" ><\/a>\n<div class=\"pt-cv-taxoterm above_title\"><a href='https:\/\/www.dmsjuridica.com\/buscador_20179478954\/corteconstitucionalcronologico202454587\/category\/buscar-en-toda-la-corte\/2018\/tutelas-2018\/' title='Tutelas 2018' class='pt-cv-tax-tutelas-2018'>Tutelas 2018<\/a><\/div>\n<h4 class=\"pt-cv-title\"><a href=\"https:\/\/www.dmsjuridica.com\/buscador_20179478954\/corteconstitucionalcronologico202454587\/t-039-18\/\" class=\"_self\" target=\"_self\" >T-039-18<\/a><\/h4>\n<div class=\"pt-cv-content\">\u00a0 \u00a0 \u00a0 \u00a0 \u00a0T-039-18 \u00a0 \u00a0 \u00a0 \u00a0 \u00a0 \u00a0\u00a0 NOTA DE RELATORIA: Mediante \u00a0 Auto 254 de fecha 24 de abril de 2018, el cual se anexa en la parte final de la \u00a0 presente providencia, se dispone corregir el numeral decimosexto de su parte \u00a0 resolutiva, en cuanto a indicar las fechas correctas de los fallos de tutela \u00a0 revocados. \u00a0 \u00a0 NOTA DE RELATORIA: Mediante Auto 617 de fecha 19 \u00a0 de septiembre de 2018, el cual se anexa en la parte final de la presente \u00a0 providencia, se dispuso declarar la nulidad del numeral tercero ...<br \/><div class=\"pt-cv-rmwrap\"><a href=\"https:\/\/www.dmsjuridica.com\/buscador_20179478954\/corteconstitucionalcronologico202454587\/t-039-18\/\" class=\"_self pt-cv-readmore btn btn-success\" target=\"_self\">Ver Sentencia Completa...<\/a><\/div><\/div><\/div><\/div>\n<div class=\"col-md-12 col-sm-12 col-xs-12 pt-cv-content-item pt-cv-1-col\" ><div class='pt-cv-ifield'><a href=\"https:\/\/www.dmsjuridica.com\/buscador_20179478954\/corteconstitucionalcronologico202454587\/t-038-18\/\" class=\"_self pt-cv-href-thumbnail pt-cv-thumb-default\" target=\"_self\" ><\/a>\n<div class=\"pt-cv-taxoterm above_title\"><a href='https:\/\/www.dmsjuridica.com\/buscador_20179478954\/corteconstitucionalcronologico202454587\/category\/buscar-en-toda-la-corte\/2018\/tutelas-2018\/' title='Tutelas 2018' class='pt-cv-tax-tutelas-2018'>Tutelas 2018<\/a><\/div>\n<h4 class=\"pt-cv-title\"><a href=\"https:\/\/www.dmsjuridica.com\/buscador_20179478954\/corteconstitucionalcronologico202454587\/t-038-18\/\" class=\"_self\" target=\"_self\" >T-038-18<\/a><\/h4>\n<div class=\"pt-cv-content\">\u00a0 \u00a0 \u00a0 \u00a0 \u00a0T-038-18 \u00a0 \u00a0 \u00a0 \u00a0 \u00a0 \u00a0\u00a0 Sentencia T-038\/18 \u00a0 \u00a0 ACCION DE TUTELA DE POBLACION EN SITUACION DE DESPLAZAMIENTO \u00a0 FORZADO-Mecanismo \u00a0 judicial id\u00f3neo para amparar los derechos fundamentales \u00a0 \u00a0 Esta Corporaci\u00f3n ha se\u00f1alado de manera \u00a0 reiterada que la acci\u00f3n de tutela es procedente para exigir la garant\u00eda de los \u00a0 derechos fundamentales de la poblaci\u00f3n en situaci\u00f3n de desplazamiento por ser un \u00a0 mecanismo id\u00f3neo y eficaz para el efecto, dada la especial protecci\u00f3n \u00a0 constitucional que tiene este grupo poblacional. \u00a0 \u00a0 DERECHO A LA AYUDA HUMANITARIA DE VICTIMAS DE DESPLAZAMIENTO ...<br \/><div class=\"pt-cv-rmwrap\"><a href=\"https:\/\/www.dmsjuridica.com\/buscador_20179478954\/corteconstitucionalcronologico202454587\/t-038-18\/\" class=\"_self pt-cv-readmore btn btn-success\" target=\"_self\">Ver Sentencia Completa...<\/a><\/div><\/div><\/div><\/div>\n<div class=\"col-md-12 col-sm-12 col-xs-12 pt-cv-content-item pt-cv-1-col\" ><div class='pt-cv-ifield'><a href=\"https:\/\/www.dmsjuridica.com\/buscador_20179478954\/corteconstitucionalcronologico202454587\/t-037-18\/\" class=\"_self pt-cv-href-thumbnail pt-cv-thumb-default\" target=\"_self\" ><\/a>\n<div class=\"pt-cv-taxoterm above_title\"><a href='https:\/\/www.dmsjuridica.com\/buscador_20179478954\/corteconstitucionalcronologico202454587\/category\/buscar-en-toda-la-corte\/2018\/tutelas-2018\/' title='Tutelas 2018' class='pt-cv-tax-tutelas-2018'>Tutelas 2018<\/a><\/div>\n<h4 class=\"pt-cv-title\"><a href=\"https:\/\/www.dmsjuridica.com\/buscador_20179478954\/corteconstitucionalcronologico202454587\/t-037-18\/\" class=\"_self\" target=\"_self\" >T-037-18<\/a><\/h4>\n<div class=\"pt-cv-content\">\u00a0 \u00a0 \u00a0 \u00a0 \u00a0T-037-18 \u00a0 \u00a0 \u00a0 \u00a0 \u00a0 \u00a0\u00a0 Sentencia T-037\/18 \u00a0 \u00a0 LEGITIMACION EN LA CAUSA POR PASIVA EN TUTELA-Incumplimiento parcial por inobservancia de los \u00a0 requisitos de la acci\u00f3n de tutela contra particulares \u00a0 \u00a0 ACCION DE TUTELA DE PERSONA JURIDICA CONTRA PARTICULAR-Improcedencia \u00a0 por incumplimiento de legitimaci\u00f3n en la causa tanto por activa como por pasiva\u00a0\u00a0 \u00a0 \u00a0 Referencia: \u00a0 Expediente T-6318576 \u00a0 \u00a0 Acci\u00f3n de tutela \u00a0 instaurada por Codensa SA ESP contra Ana Milet Garc\u00eda y la Alcald\u00eda Local de \u00a0 Suba (Bogot\u00e1 D.C.) \u00a0 \u00a0 Magistrada ponente: \u00a0 \u00a0 DIANA FAJARDO RIVERA ...<br \/><div class=\"pt-cv-rmwrap\"><a href=\"https:\/\/www.dmsjuridica.com\/buscador_20179478954\/corteconstitucionalcronologico202454587\/t-037-18\/\" class=\"_self pt-cv-readmore btn btn-success\" target=\"_self\">Ver Sentencia Completa...<\/a><\/div><\/div><\/div><\/div>\n<div class=\"col-md-12 col-sm-12 col-xs-12 pt-cv-content-item pt-cv-1-col\" ><div class='pt-cv-ifield'><a href=\"https:\/\/www.dmsjuridica.com\/buscador_20179478954\/corteconstitucionalcronologico202454587\/t-036-18\/\" class=\"_self pt-cv-href-thumbnail pt-cv-thumb-default\" target=\"_self\" ><\/a>\n<div class=\"pt-cv-taxoterm above_title\"><a href='https:\/\/www.dmsjuridica.com\/buscador_20179478954\/corteconstitucionalcronologico202454587\/category\/buscar-en-toda-la-corte\/2018\/tutelas-2018\/' title='Tutelas 2018' class='pt-cv-tax-tutelas-2018'>Tutelas 2018<\/a><\/div>\n<h4 class=\"pt-cv-title\"><a href=\"https:\/\/www.dmsjuridica.com\/buscador_20179478954\/corteconstitucionalcronologico202454587\/t-036-18\/\" class=\"_self\" target=\"_self\" >T-036-18<\/a><\/h4>\n<div class=\"pt-cv-content\">\u00a0 \u00a0 \u00a0 \u00a0 \u00a0T-036-18 \u00a0 \u00a0 \u00a0 \u00a0 \u00a0 \u00a0\u00a0 Sentencia T-036\/18 \u00a0 \u00a0 DEBIDO PROCESO ADMINISTRATIVO-Relaci\u00f3n con \u00a0 el derecho fundamental de petici\u00f3n \u00a0 \u00a0 El art\u00edculo 29 de la Constituci\u00f3n Pol\u00edtica consagra el \u00a0 derecho fundamental al debido proceso, el cual debe ser respetado no solo en el \u00a0 \u00e1mbito de las actuaciones judiciales sino tambi\u00e9n en todas las actuaciones, \u00a0 procedimientos y procesos administrativos, de manera que\u00a0se garantice (i) el acceso a procesos justos y adecuados; (ii) el principio de legalidad y las formas administrativas previamente \u00a0 establecidas; (iii) los principios de contradicci\u00f3n e imparcialidad; \u00a0 ...<br \/><div class=\"pt-cv-rmwrap\"><a href=\"https:\/\/www.dmsjuridica.com\/buscador_20179478954\/corteconstitucionalcronologico202454587\/t-036-18\/\" class=\"_self pt-cv-readmore btn btn-success\" target=\"_self\">Ver Sentencia Completa...<\/a><\/div><\/div><\/div><\/div>\n<div class=\"col-md-12 col-sm-12 col-xs-12 pt-cv-content-item pt-cv-1-col\" ><div class='pt-cv-ifield'><a href=\"https:\/\/www.dmsjuridica.com\/buscador_20179478954\/corteconstitucionalcronologico202454587\/t-034-18\/\" class=\"_self pt-cv-href-thumbnail pt-cv-thumb-default\" target=\"_self\" ><\/a>\n<div class=\"pt-cv-taxoterm above_title\"><a href='https:\/\/www.dmsjuridica.com\/buscador_20179478954\/corteconstitucionalcronologico202454587\/category\/buscar-en-toda-la-corte\/2018\/tutelas-2018\/' title='Tutelas 2018' class='pt-cv-tax-tutelas-2018'>Tutelas 2018<\/a><\/div>\n<h4 class=\"pt-cv-title\"><a href=\"https:\/\/www.dmsjuridica.com\/buscador_20179478954\/corteconstitucionalcronologico202454587\/t-034-18\/\" class=\"_self\" target=\"_self\" >T-034-18<\/a><\/h4>\n<div class=\"pt-cv-content\">\u00a0 \u00a0 \u00a0 \u00a0 \u00a0T-034-18 \u00a0 \u00a0 \u00a0 \u00a0 \u00a0 \u00a0\u00a0 Sentencia T-034\/18 \u00a0 \u00a0 ACCION DE TUTELA CONTRA \u00a0 PROVIDENCIAS JUDICIALES-Reiteraci\u00f3n de jurisprudencia sobre procedencia excepcional\u00a0 \u00a0 \u00a0 ACCION DE TUTELA CONTRA \u00a0 PROVIDENCIAS JUDICIALES-Evoluci\u00f3n jurisprudencial respecto al reemplazo de la expresi\u00f3n \u00a0 \"v\u00eda de hecho\" por la de \"causales gen\u00e9ricas de procedibilidad\" \u00a0 \u00a0 ACCION DE TUTELA CONTRA \u00a0 PROVIDENCIAS JUDICIALES-Requisitos generales y especiales de procedibilidad \u00a0 \u00a0 UNIFICACION DE JURISPRUDENCIA EN MATERIA DE PROCEDENCIA Y LEGITIMIDAD DE \u00a0 LA UGPP PARA INTERPONER RECURSO DE REVISION-Para \u00a0 controvertir decisiones judiciales que han reconocido y reliquidado pensiones \u00a0 con ...<br \/><div class=\"pt-cv-rmwrap\"><a href=\"https:\/\/www.dmsjuridica.com\/buscador_20179478954\/corteconstitucionalcronologico202454587\/t-034-18\/\" class=\"_self pt-cv-readmore btn btn-success\" target=\"_self\">Ver Sentencia Completa...<\/a><\/div><\/div><\/div><\/div>\n<div class=\"col-md-12 col-sm-12 col-xs-12 pt-cv-content-item pt-cv-1-col\" ><div class='pt-cv-ifield'><a href=\"https:\/\/www.dmsjuridica.com\/buscador_20179478954\/corteconstitucionalcronologico202454587\/t-033-18\/\" class=\"_self pt-cv-href-thumbnail pt-cv-thumb-default\" target=\"_self\" ><\/a>\n<div class=\"pt-cv-taxoterm above_title\"><a href='https:\/\/www.dmsjuridica.com\/buscador_20179478954\/corteconstitucionalcronologico202454587\/category\/buscar-en-toda-la-corte\/2018\/tutelas-2018\/' title='Tutelas 2018' class='pt-cv-tax-tutelas-2018'>Tutelas 2018<\/a><\/div>\n<h4 class=\"pt-cv-title\"><a href=\"https:\/\/www.dmsjuridica.com\/buscador_20179478954\/corteconstitucionalcronologico202454587\/t-033-18\/\" class=\"_self\" target=\"_self\" >T-033-18<\/a><\/h4>\n<div class=\"pt-cv-content\">\u00a0 \u00a0 \u00a0 \u00a0 \u00a0T-033-18 \u00a0 \u00a0 \u00a0 \u00a0 \u00a0 \u00a0\u00a0 Sentencia T-033\/18 \u00a0 \u00a0 IGUALDAD EN LA CONSTITUCION Y PROHIBICION DE DISCRIMINACION-Reiteraci\u00f3n \u00a0 de jurisprudencia \u00a0 \u00a0 DERECHO A LA IGUALDAD Y A LA NO DISCRIMINACION DE ENFERMOS DE VIH\/SIDA-Tienen \u00a0 derecho a recibir trato especial y favorable por todas las autoridades p\u00fablicas \u00a0 y un comportamiento solidario por parte de los dem\u00e1s miembros de la sociedad \u00a0 \u00a0 La jurisprudencia constitucional ha sido enf\u00e1tica en \u00a0 considerar que las personas con VIH son sujetos de especial protecci\u00f3n \u00a0 constitucional, y en consecuencia, deben recibir un trato especialmente \u00a0 ...<br \/><div class=\"pt-cv-rmwrap\"><a href=\"https:\/\/www.dmsjuridica.com\/buscador_20179478954\/corteconstitucionalcronologico202454587\/t-033-18\/\" class=\"_self pt-cv-readmore btn btn-success\" target=\"_self\">Ver Sentencia Completa...<\/a><\/div><\/div><\/div><\/div>\n<div class=\"col-md-12 col-sm-12 col-xs-12 pt-cv-content-item pt-cv-1-col\" ><div class='pt-cv-ifield'><a href=\"https:\/\/www.dmsjuridica.com\/buscador_20179478954\/corteconstitucionalcronologico202454587\/t-032-18\/\" class=\"_self pt-cv-href-thumbnail pt-cv-thumb-default\" target=\"_self\" ><\/a>\n<div class=\"pt-cv-taxoterm above_title\"><a href='https:\/\/www.dmsjuridica.com\/buscador_20179478954\/corteconstitucionalcronologico202454587\/category\/buscar-en-toda-la-corte\/2018\/tutelas-2018\/' title='Tutelas 2018' class='pt-cv-tax-tutelas-2018'>Tutelas 2018<\/a><\/div>\n<h4 class=\"pt-cv-title\"><a href=\"https:\/\/www.dmsjuridica.com\/buscador_20179478954\/corteconstitucionalcronologico202454587\/t-032-18\/\" class=\"_self\" target=\"_self\" >T-032-18<\/a><\/h4>\n<div class=\"pt-cv-content\">\u00a0 \u00a0 \u00a0 \u00a0 \u00a0T-032-18 \u00a0 \u00a0 \u00a0 \u00a0 \u00a0 \u00a0\u00a0 Sentencia T-032\/18 \u00a0 \u00a0 DERECHO A LA SALUD-Doble connotaci\u00f3n al ser un \u00a0 derecho fundamental y al mismo tiempo un servicio p\u00fablico \u00a0 \u00a0 PRINCIPIO DE ACCESIBILIDAD AL SERVICIO DE SALUD \u00a0 \u00a0 PRINCIPIO DE INTEGRALIDAD DEL DERECHO A LA SALUD-Alcance \u00a0 \u00a0 ACCESO A SERVICIOS Y MEDICAMENTOS EXCLUIDOS DEL PLAN DE BENEFICIOS \u00a0 EN SALUD-Reglas jurisprudenciales para acceder a los \u00a0 servicios que se encuentran excluidos \u00a0 \u00a0 Se infiere que si bien el \u00a0 servicio de salud encuentra unos topes, la jurisprudencia constitucional ha \u00a0 admitido que ...<br \/><div class=\"pt-cv-rmwrap\"><a href=\"https:\/\/www.dmsjuridica.com\/buscador_20179478954\/corteconstitucionalcronologico202454587\/t-032-18\/\" class=\"_self pt-cv-readmore btn btn-success\" target=\"_self\">Ver Sentencia Completa...<\/a><\/div><\/div><\/div><\/div>\n<div class=\"col-md-12 col-sm-12 col-xs-12 pt-cv-content-item pt-cv-1-col\" ><div class='pt-cv-ifield'><a href=\"https:\/\/www.dmsjuridica.com\/buscador_20179478954\/corteconstitucionalcronologico202454587\/t-031-18\/\" class=\"_self pt-cv-href-thumbnail pt-cv-thumb-default\" target=\"_self\" ><\/a>\n<div class=\"pt-cv-taxoterm above_title\"><a href='https:\/\/www.dmsjuridica.com\/buscador_20179478954\/corteconstitucionalcronologico202454587\/category\/buscar-en-toda-la-corte\/2018\/tutelas-2018\/' title='Tutelas 2018' class='pt-cv-tax-tutelas-2018'>Tutelas 2018<\/a><\/div>\n<h4 class=\"pt-cv-title\"><a href=\"https:\/\/www.dmsjuridica.com\/buscador_20179478954\/corteconstitucionalcronologico202454587\/t-031-18\/\" class=\"_self\" target=\"_self\" >T-031-18<\/a><\/h4>\n<div class=\"pt-cv-content\">\u00a0 \u00a0 \u00a0 \u00a0 \u00a0T-031-18 \u00a0 \u00a0 \u00a0 \u00a0 \u00a0 \u00a0\u00a0 Sentencia T-031\/18 \u00a0 \u00a0 ACCION DE TUTELA CONTRA PROVIDENCIAS JUDICIALES-Reiteraci\u00f3n de jurisprudencia sobre procedencia excepcional\u00a0 \u00a0 \u00a0 ACCION DE TUTELA CONTRA PROVIDENCIAS JUDICIALES-Requisitos generales y especiales de procedibilidad \u00a0 \u00a0 CARACTERIZACION DEL DEFECTO PROCEDIMENTAL POR EXCESO RITUAL \u00a0 MANIFIESTO-Reiteraci\u00f3n de jurisprudencia \u00a0 \u00a0 De acuerdo con la jurisprudencia de esta Corporaci\u00f3n, este \u00a0 defecto encuentra respaldo en los derechos al debido proceso y de acceso a la \u00a0 administraci\u00f3n de justicia, y se presenta cuando la autoridad judicial da \u00a0 prevalencia a lo procedimental sobre lo sustancial, convirti\u00e9ndolo en ...<br \/><div class=\"pt-cv-rmwrap\"><a href=\"https:\/\/www.dmsjuridica.com\/buscador_20179478954\/corteconstitucionalcronologico202454587\/t-031-18\/\" class=\"_self pt-cv-readmore btn btn-success\" target=\"_self\">Ver Sentencia Completa...<\/a><\/div><\/div><\/div><\/div>\n<div class=\"col-md-12 col-sm-12 col-xs-12 pt-cv-content-item pt-cv-1-col\" ><div class='pt-cv-ifield'><a href=\"https:\/\/www.dmsjuridica.com\/buscador_20179478954\/corteconstitucionalcronologico202454587\/t-030-18\/\" class=\"_self pt-cv-href-thumbnail pt-cv-thumb-default\" target=\"_self\" ><\/a>\n<div class=\"pt-cv-taxoterm above_title\"><a href='https:\/\/www.dmsjuridica.com\/buscador_20179478954\/corteconstitucionalcronologico202454587\/category\/buscar-en-toda-la-corte\/2018\/tutelas-2018\/' title='Tutelas 2018' class='pt-cv-tax-tutelas-2018'>Tutelas 2018<\/a><\/div>\n<h4 class=\"pt-cv-title\"><a href=\"https:\/\/www.dmsjuridica.com\/buscador_20179478954\/corteconstitucionalcronologico202454587\/t-030-18\/\" class=\"_self\" target=\"_self\" >T-030-18<\/a><\/h4>\n<div class=\"pt-cv-content\">\u00a0 \u00a0 \u00a0 \u00a0 \u00a0T-030-18 \u00a0 \u00a0 \u00a0 \u00a0 \u00a0 \u00a0\u00a0 Sentencia T-030\/18 \u00a0 \u00a0 En principio la acci\u00f3n de tutela por su naturaleza residual y \u00a0 subsidiaria, no es el mecanismo id\u00f3neo para reclamar derechos o prestaciones \u00a0 laborales; no obstante, cuando se encuentran comprometidos los derechos de la \u00a0 madre gestante y los de su hijo por nacer o reci\u00e9n nacido, se torna eficaz y \u00a0 procede excepcionalmente como medida de asistencia y protecci\u00f3n a estos sujetos \u00a0 de especial protecci\u00f3n constitucional.\u00a0 \u00a0 \u00a0 DERECHO \u00a0 FUNDAMENTAL A LA ESTABILIDAD LABORAL REFORZADA DE MUJER EMBARAZADA Y DURANTE EL ...<br \/><div class=\"pt-cv-rmwrap\"><a href=\"https:\/\/www.dmsjuridica.com\/buscador_20179478954\/corteconstitucionalcronologico202454587\/t-030-18\/\" class=\"_self pt-cv-readmore btn btn-success\" target=\"_self\">Ver Sentencia Completa...<\/a><\/div><\/div><\/div><\/div>\n<div class=\"col-md-12 col-sm-12 col-xs-12 pt-cv-content-item pt-cv-1-col\" ><div class='pt-cv-ifield'><a href=\"https:\/\/www.dmsjuridica.com\/buscador_20179478954\/corteconstitucionalcronologico202454587\/t-029-18\/\" class=\"_self pt-cv-href-thumbnail pt-cv-thumb-default\" target=\"_self\" ><\/a>\n<div class=\"pt-cv-taxoterm above_title\"><a href='https:\/\/www.dmsjuridica.com\/buscador_20179478954\/corteconstitucionalcronologico202454587\/category\/buscar-en-toda-la-corte\/2018\/tutelas-2018\/' title='Tutelas 2018' class='pt-cv-tax-tutelas-2018'>Tutelas 2018<\/a><\/div>\n<h4 class=\"pt-cv-title\"><a href=\"https:\/\/www.dmsjuridica.com\/buscador_20179478954\/corteconstitucionalcronologico202454587\/t-029-18\/\" class=\"_self\" target=\"_self\" >T-029-18<\/a><\/h4>\n<div class=\"pt-cv-content\">\u00a0 \u00a0 \u00a0 \u00a0 \u00a0T-029-18 \u00a0 \u00a0 \u00a0 \u00a0 \u00a0 \u00a0\u00a0 Sentencia T-029\/18 \u00a0 \u00a0 DERECHO A LA PENSION ESPECIAL DE VEJEZ POR \u00a0 HIJO EN SITUACION DE DISCAPACIDAD-Regulaci\u00f3n en la Ley 797 de 2003 \u00a0 \u00a0 DERECHO A LA PENSION ESPECIAL DE VEJEZ POR \u00a0 HIJO EN SITUACION DE DISCAPACIDAD-Requisitos \u00a0 \u00a0 TEST DE VULNERABILIDAD Y CONDICION DE \u00a0 NO-RESILIENCIA COMO REQUISITO DE PROCEDENCIA DE LA ACCION DE TUTELA \u00a0 \u00a0 PENSION ESPECIAL DE VEJEZ POR HIJO EN \u00a0 SITUACION DE DISCAPACIDAD-Orden a Colpensiones reconocer y pagar pensi\u00f3n especial de \u00a0 vejez por hijo en situaci\u00f3n de discapacidad \u00a0 ...<br \/><div class=\"pt-cv-rmwrap\"><a href=\"https:\/\/www.dmsjuridica.com\/buscador_20179478954\/corteconstitucionalcronologico202454587\/t-029-18\/\" class=\"_self pt-cv-readmore btn btn-success\" target=\"_self\">Ver Sentencia Completa...<\/a><\/div><\/div><\/div><\/div>\n<div class=\"col-md-12 col-sm-12 col-xs-12 pt-cv-content-item pt-cv-1-col\" ><div class='pt-cv-ifield'><a href=\"https:\/\/www.dmsjuridica.com\/buscador_20179478954\/corteconstitucionalcronologico202454587\/t-028-18\/\" class=\"_self pt-cv-href-thumbnail pt-cv-thumb-default\" target=\"_self\" ><\/a>\n<div class=\"pt-cv-taxoterm above_title\"><a href='https:\/\/www.dmsjuridica.com\/buscador_20179478954\/corteconstitucionalcronologico202454587\/category\/buscar-en-toda-la-corte\/2018\/tutelas-2018\/' title='Tutelas 2018' class='pt-cv-tax-tutelas-2018'>Tutelas 2018<\/a><\/div>\n<h4 class=\"pt-cv-title\"><a href=\"https:\/\/www.dmsjuridica.com\/buscador_20179478954\/corteconstitucionalcronologico202454587\/t-028-18\/\" class=\"_self\" target=\"_self\" >T-028-18<\/a><\/h4>\n<div class=\"pt-cv-content\">\u00a0 \u00a0 \u00a0 \u00a0 \u00a0T-028-18 \u00a0 \u00a0 \u00a0 \u00a0 \u00a0 \u00a0\u00a0 Sentencia T-028\/18 \u00a0 \u00a0\u00a0 INDEMNIZACION ADMINISTRATIVA PARA \u00a0 VICTIMAS DEL CONFLICTO ARMADO INTERNO-Procedencia excepcional de tutela por cuanto accionante se \u00a0 encuentra en estado de debilidad manifiesta \u00a0 \u00a0 DERECHO A LA INDEMNIZACION \u00a0 ADMINISTRATIVA DE LAS VICTIMAS DE DESPLAZAMIENTO FORZADO EN LA JURISPRUDENCIA \u00a0 CONSTITUCIONAL-Alcance de la acci\u00f3n \u00a0 de tutela para su protecci\u00f3n \u00a0 \u00a0 INDEMNIZACION ADMINISTRATIVA PARA \u00a0 VICTIMAS DEL CONFLICTO ARMADO INTERNO-Reglas jurisprudenciales definidas para su entrega \u00a0 \u00a0 DERECHO A LA INDEMNIZACION \u00a0 ADMINISTRATIVA DE LAS VICTIMAS DE DESPLAZAMIENTO FORZADO-Orden a la UARIV pagar ...<br \/><div class=\"pt-cv-rmwrap\"><a href=\"https:\/\/www.dmsjuridica.com\/buscador_20179478954\/corteconstitucionalcronologico202454587\/t-028-18\/\" class=\"_self pt-cv-readmore btn btn-success\" target=\"_self\">Ver Sentencia Completa...<\/a><\/div><\/div><\/div><\/div>\n<div class=\"col-md-12 col-sm-12 col-xs-12 pt-cv-content-item pt-cv-1-col\" ><div class='pt-cv-ifield'><a href=\"https:\/\/www.dmsjuridica.com\/buscador_20179478954\/corteconstitucionalcronologico202454587\/t-027-18\/\" class=\"_self pt-cv-href-thumbnail pt-cv-thumb-default\" target=\"_self\" ><\/a>\n<div class=\"pt-cv-taxoterm above_title\"><a href='https:\/\/www.dmsjuridica.com\/buscador_20179478954\/corteconstitucionalcronologico202454587\/category\/buscar-en-toda-la-corte\/2018\/tutelas-2018\/' title='Tutelas 2018' class='pt-cv-tax-tutelas-2018'>Tutelas 2018<\/a><\/div>\n<h4 class=\"pt-cv-title\"><a href=\"https:\/\/www.dmsjuridica.com\/buscador_20179478954\/corteconstitucionalcronologico202454587\/t-027-18\/\" class=\"_self\" target=\"_self\" >T-027-18<\/a><\/h4>\n<div class=\"pt-cv-content\">\u00a0 \u00a0 \u00a0 \u00a0 \u00a0T-027-18 \u00a0 \u00a0 \u00a0 \u00a0 \u00a0 \u00a0\u00a0 Sentencia T-027\/18 \u00a0 \u00a0 La acci\u00f3n de tutela \u00a0 resulta improcedente \u201ccuando \u00a0 se trate de actos de car\u00e1cter general, impersonal y abstracto\u201d, en virtud \u00a0 de lo previsto por el art\u00edculo 6 del Decreto 2591 de 1991. \u00a0 \u00a0 ACCION DE \u00a0 TUTELA PARA LA PROTECCION DE DERECHOS COLECTIVOS-Procedencia \u00a0 excepcional \u00a0 \u00a0 \u00a0\u00a0La jurisprudencia constitucional ha reconocido la procedencia excepcional \u00a0 de la acci\u00f3n de tutela para solicitar el amparo de derechos colectivos. Sin \u00a0 embargo, esta posibilidad se encuentra condicionada a que se acredite una de ...<br \/><div class=\"pt-cv-rmwrap\"><a href=\"https:\/\/www.dmsjuridica.com\/buscador_20179478954\/corteconstitucionalcronologico202454587\/t-027-18\/\" class=\"_self pt-cv-readmore btn btn-success\" target=\"_self\">Ver Sentencia Completa...<\/a><\/div><\/div><\/div><\/div>\n<div class=\"col-md-12 col-sm-12 col-xs-12 pt-cv-content-item pt-cv-1-col\" ><div class='pt-cv-ifield'><a href=\"https:\/\/www.dmsjuridica.com\/buscador_20179478954\/corteconstitucionalcronologico202454587\/t-025-18\/\" class=\"_self pt-cv-href-thumbnail pt-cv-thumb-default\" target=\"_self\" ><\/a>\n<div class=\"pt-cv-taxoterm above_title\"><a href='https:\/\/www.dmsjuridica.com\/buscador_20179478954\/corteconstitucionalcronologico202454587\/category\/buscar-en-toda-la-corte\/2018\/tutelas-2018\/' title='Tutelas 2018' class='pt-cv-tax-tutelas-2018'>Tutelas 2018<\/a><\/div>\n<h4 class=\"pt-cv-title\"><a href=\"https:\/\/www.dmsjuridica.com\/buscador_20179478954\/corteconstitucionalcronologico202454587\/t-025-18\/\" class=\"_self\" target=\"_self\" >T-025-18<\/a><\/h4>\n<div class=\"pt-cv-content\">\u00a0 \u00a0 \u00a0 \u00a0 \u00a0T-025-18 \u00a0 \u00a0 \u00a0 \u00a0 \u00a0 \u00a0\u00a0 Sentencia T-025\/18 \u00a0 \u00a0 ACCION DE TUTELA CONTRA PROVIDENCIAS JUDICIALES-Reiteraci\u00f3n de jurisprudencia sobre procedencia excepcional\u00a0 \u00a0 \u00a0 ACCION DE TUTELA CONTRA PROVIDENCIAS JUDICIALES-Requisitos generales y especiales de procedibilidad \u00a0 \u00a0 CARACTERIZACION DEL DEFECTO PROCEDIMENTAL ABSOLUTO COMO CAUSAL DE \u00a0 PROCEDIBILIDAD DE LA ACCION DE TUTELA CONTRA PROVIDENCIAS JUDICIALES-Reiteraci\u00f3n de jurisprudencia \u00a0 \u00a0 El defecto procedimental absoluto, ocurre cuando el \u00a0 funcionario judicial se aparta por completo del procedimiento legalmente \u00a0 establecido, bien sea porque sigue un tr\u00e1mite ajeno al pertinente y en esa \u00a0 medida equivoca la orientaci\u00f3n del ...<br \/><div class=\"pt-cv-rmwrap\"><a href=\"https:\/\/www.dmsjuridica.com\/buscador_20179478954\/corteconstitucionalcronologico202454587\/t-025-18\/\" class=\"_self pt-cv-readmore btn btn-success\" target=\"_self\">Ver Sentencia Completa...<\/a><\/div><\/div><\/div><\/div>\n<div class=\"col-md-12 col-sm-12 col-xs-12 pt-cv-content-item pt-cv-1-col\" ><div class='pt-cv-ifield'><a href=\"https:\/\/www.dmsjuridica.com\/buscador_20179478954\/corteconstitucionalcronologico202454587\/t-024-18\/\" class=\"_self pt-cv-href-thumbnail pt-cv-thumb-default\" target=\"_self\" ><\/a>\n<div class=\"pt-cv-taxoterm above_title\"><a href='https:\/\/www.dmsjuridica.com\/buscador_20179478954\/corteconstitucionalcronologico202454587\/category\/buscar-en-toda-la-corte\/2018\/tutelas-2018\/' title='Tutelas 2018' class='pt-cv-tax-tutelas-2018'>Tutelas 2018<\/a><\/div>\n<h4 class=\"pt-cv-title\"><a href=\"https:\/\/www.dmsjuridica.com\/buscador_20179478954\/corteconstitucionalcronologico202454587\/t-024-18\/\" class=\"_self\" target=\"_self\" >T-024-18<\/a><\/h4>\n<div class=\"pt-cv-content\">\u00a0 \u00a0 \u00a0 \u00a0 \u00a0T-024-18 \u00a0 \u00a0 \u00a0 \u00a0 \u00a0 \u00a0\u00a0 \u00a0Sentencia T-024\/18 \u00a0 \u00a0 ACCION DE TUTELA CONTRA PROVIDENCIAS JUDICIALES-Reiteraci\u00f3n de jurisprudencia \u00a0 sobre procedencia excepcional\u00a0 \u00a0 \u00a0 ACCION DE TUTELA CONTRA PROVIDENCIAS JUDICIALES-Requisitos generales y \u00a0 especiales de procedibilidad \u00a0 \u00a0 CARACTERIZACION DEL DEFECTO POR DESCONOCIMIENTO DEL PRECEDENTE \u00a0 JUDICIAL \u00a0 \u00a0 S\u00f3lo cuando un juez se a\u00edsla de \u00a0 un precedente establecido y plenamente aplicable a determinada situaci\u00f3n, sin \u00a0 cumplir con la carga argumentativa antes descrita, incurre en la causal de \u00a0 procedibilidad de la acci\u00f3n de tutela contra providencias judiciales, referente \u00a0 al desconocimiento del ...<br \/><div class=\"pt-cv-rmwrap\"><a href=\"https:\/\/www.dmsjuridica.com\/buscador_20179478954\/corteconstitucionalcronologico202454587\/t-024-18\/\" class=\"_self pt-cv-readmore btn btn-success\" target=\"_self\">Ver Sentencia Completa...<\/a><\/div><\/div><\/div><\/div>\n<div class=\"col-md-12 col-sm-12 col-xs-12 pt-cv-content-item pt-cv-1-col\" ><div class='pt-cv-ifield'><a href=\"https:\/\/www.dmsjuridica.com\/buscador_20179478954\/corteconstitucionalcronologico202454587\/t-023-18\/\" class=\"_self pt-cv-href-thumbnail pt-cv-thumb-default\" target=\"_self\" ><\/a>\n<div class=\"pt-cv-taxoterm above_title\"><a href='https:\/\/www.dmsjuridica.com\/buscador_20179478954\/corteconstitucionalcronologico202454587\/category\/buscar-en-toda-la-corte\/2018\/tutelas-2018\/' title='Tutelas 2018' class='pt-cv-tax-tutelas-2018'>Tutelas 2018<\/a><\/div>\n<h4 class=\"pt-cv-title\"><a href=\"https:\/\/www.dmsjuridica.com\/buscador_20179478954\/corteconstitucionalcronologico202454587\/t-023-18\/\" class=\"_self\" target=\"_self\" >T-023-18<\/a><\/h4>\n<div class=\"pt-cv-content\">\u00a0 \u00a0 \u00a0 \u00a0 \u00a0T-023-18 \u00a0 \u00a0 \u00a0 \u00a0 \u00a0 \u00a0\u00a0 Sentencia T-023\/18 \u00a0 \u00a0 DERECHO A LA NACIONALIDAD DE LOS NI\u00d1OS Y NI\u00d1AS-Protecci\u00f3n nacional e \u00a0 internacional \u00a0 \u00a0 NACIONALIDAD-Concepto\/NACIONALIDAD-Alcance \u00a0 \u00a0 La \u00a0 nacionalidad es el mecanismo jur\u00eddico mediante el cual el Estado reconoce la \u00a0 capacidad que tienen sus ciudadanos de ejercer ciertos derechos y es reconocida \u00a0 como un derecho fundamental frente al cual las autoridades competentes tienen \u00a0 deberes de diligencia y protecci\u00f3n, entre los que est\u00e1 la obligaci\u00f3n de realizar \u00a0 los tr\u00e1mites registrales estipulados en el ordenamiento jur\u00eddico para efectuar \u00a0 su reconocimiento ...<br \/><div class=\"pt-cv-rmwrap\"><a href=\"https:\/\/www.dmsjuridica.com\/buscador_20179478954\/corteconstitucionalcronologico202454587\/t-023-18\/\" class=\"_self pt-cv-readmore btn btn-success\" target=\"_self\">Ver Sentencia Completa...<\/a><\/div><\/div><\/div><\/div>\n<div class=\"col-md-12 col-sm-12 col-xs-12 pt-cv-content-item pt-cv-1-col\" ><div class='pt-cv-ifield'><a href=\"https:\/\/www.dmsjuridica.com\/buscador_20179478954\/corteconstitucionalcronologico202454587\/t-022-18\/\" class=\"_self pt-cv-href-thumbnail pt-cv-thumb-default\" target=\"_self\" ><\/a>\n<div class=\"pt-cv-taxoterm above_title\"><a href='https:\/\/www.dmsjuridica.com\/buscador_20179478954\/corteconstitucionalcronologico202454587\/category\/buscar-en-toda-la-corte\/2018\/tutelas-2018\/' title='Tutelas 2018' class='pt-cv-tax-tutelas-2018'>Tutelas 2018<\/a><\/div>\n<h4 class=\"pt-cv-title\"><a href=\"https:\/\/www.dmsjuridica.com\/buscador_20179478954\/corteconstitucionalcronologico202454587\/t-022-18\/\" class=\"_self\" target=\"_self\" >T-022-18<\/a><\/h4>\n<div class=\"pt-cv-content\">\u00a0 \u00a0 \u00a0 \u00a0 \u00a0T-022-18 \u00a0 \u00a0 \u00a0 \u00a0 \u00a0 \u00a0\u00a0 Sentencia T-022\/18 \u00a0 \u00a0 ACCION DE TUTELA CONTRA \u00a0 PROVIDENCIAS JUDICIALES-Reiteraci\u00f3n de jurisprudencia sobre procedencia excepcional\u00a0 \u00a0 \u00a0 ACCION DE TUTELA CONTRA \u00a0 PROVIDENCIAS JUDICIALES-Requisitos generales y especiales de procedibilidad \u00a0 \u00a0 DESCONOCIMIENTO DEL PRECEDENTE \u00a0 CONSTITUCIONAL COMO CAUSAL ESPECIFICA DE PROCEDIBILIDAD DE LA ACCION DE TUTELA \u00a0 CONTRA PROVIDENCIAS JUDICIALES \u00a0 \u00a0 La doctrina de la Corte, cuando un juez de \u00a0 cualquier jurisdicci\u00f3n, inaplica o desatiende injustificadamente la\u00a0ratio decidendi\u00a0de una sentencia o conjunto de sentencias de \u00a0 tutela \u201crelevantes\u201d para la soluci\u00f3n de un caso (precedente), \u00a0 ...<br \/><div class=\"pt-cv-rmwrap\"><a href=\"https:\/\/www.dmsjuridica.com\/buscador_20179478954\/corteconstitucionalcronologico202454587\/t-022-18\/\" class=\"_self pt-cv-readmore btn btn-success\" target=\"_self\">Ver Sentencia Completa...<\/a><\/div><\/div><\/div><\/div>\n<div class=\"col-md-12 col-sm-12 col-xs-12 pt-cv-content-item pt-cv-1-col\" ><div class='pt-cv-ifield'><a href=\"https:\/\/www.dmsjuridica.com\/buscador_20179478954\/corteconstitucionalcronologico202454587\/t-021-18\/\" class=\"_self pt-cv-href-thumbnail pt-cv-thumb-default\" target=\"_self\" ><\/a>\n<div class=\"pt-cv-taxoterm above_title\"><a href='https:\/\/www.dmsjuridica.com\/buscador_20179478954\/corteconstitucionalcronologico202454587\/category\/buscar-en-toda-la-corte\/2018\/tutelas-2018\/' title='Tutelas 2018' class='pt-cv-tax-tutelas-2018'>Tutelas 2018<\/a><\/div>\n<h4 class=\"pt-cv-title\"><a href=\"https:\/\/www.dmsjuridica.com\/buscador_20179478954\/corteconstitucionalcronologico202454587\/t-021-18\/\" class=\"_self\" target=\"_self\" >T-021-18<\/a><\/h4>\n<div class=\"pt-cv-content\">\u00a0 \u00a0 \u00a0 \u00a0 \u00a0T-021-18 \u00a0 \u00a0 \u00a0 \u00a0 \u00a0 \u00a0\u00a0 Sentencia T-021\/18 \u00a0 \u00a0 ACCION DE TUTELA CONTRA \u00a0 PROVIDENCIAS JUDICIALES-Reiteraci\u00f3n de jurisprudencia sobre procedencia excepcional\u00a0 \u00a0 \u00a0 ACCION DE TUTELA CONTRA \u00a0 PROVIDENCIAS JUDICIALES-Requisitos generales y especiales de procedibilidad \u00a0 \u00a0 CARACTERIZACION DEL DEFECTO \u00a0 FACTICO COMO CAUSAL ESPECIFICA DE PROCEDIBILIDAD DE LA ACCION DE TUTELA CONTRA \u00a0 PROVIDENCIAS JUDICIALES \u00a0 \u00a0 El defecto \u00a0 f\u00e1ctico surge cuando el juez carece del apoyo probatorio suficiente que le \u00a0 permita la aplicaci\u00f3n del supuesto legal en el que se sustenta la decisi\u00f3n. \u00a0 \u00a0 CARACTERIZACION DEL DEFECTO \u00a0 MATERIAL ...<br \/><div class=\"pt-cv-rmwrap\"><a href=\"https:\/\/www.dmsjuridica.com\/buscador_20179478954\/corteconstitucionalcronologico202454587\/t-021-18\/\" class=\"_self pt-cv-readmore btn btn-success\" target=\"_self\">Ver Sentencia Completa...<\/a><\/div><\/div><\/div><\/div>\n<div class=\"col-md-12 col-sm-12 col-xs-12 pt-cv-content-item pt-cv-1-col\" ><div class='pt-cv-ifield'><a href=\"https:\/\/www.dmsjuridica.com\/buscador_20179478954\/corteconstitucionalcronologico202454587\/t-020-18\/\" class=\"_self pt-cv-href-thumbnail pt-cv-thumb-default\" target=\"_self\" ><\/a>\n<div class=\"pt-cv-taxoterm above_title\"><a href='https:\/\/www.dmsjuridica.com\/buscador_20179478954\/corteconstitucionalcronologico202454587\/category\/buscar-en-toda-la-corte\/2018\/tutelas-2018\/' title='Tutelas 2018' class='pt-cv-tax-tutelas-2018'>Tutelas 2018<\/a><\/div>\n<h4 class=\"pt-cv-title\"><a href=\"https:\/\/www.dmsjuridica.com\/buscador_20179478954\/corteconstitucionalcronologico202454587\/t-020-18\/\" class=\"_self\" target=\"_self\" >T-020-18<\/a><\/h4>\n<div class=\"pt-cv-content\">\u00a0 \u00a0 \u00a0 \u00a0 \u00a0T-020-18 \u00a0 \u00a0 \u00a0 \u00a0 \u00a0 \u00a0\u00a0 Sentencia T-020\/18 \u00a0 \u00a0 LEGITIMACION EN LA CAUSA POR ACTIVA Y AGENCIA OFICIOSA \u00a0 EN LA ACCION DE TUTELA-Requisitos \u00a0 \u00a0 RECONOCIMIENTO Y PAGO DE INCAPACIDADES LABORALES-Procedencia excepcional de la acci\u00f3n de tutela \u00a0 \u00a0 Esta Corte ha sostenido, en principio, que a la jurisdicci\u00f3n ordinaria le \u00a0 corresponde resolver las controversias laborales, y que la procedibilidad de la \u00a0 acci\u00f3n de tutela resulta justificada cuando la falta de pago de acreencias de \u00a0 esa \u00edndole genera amenaza o vulneraci\u00f3n de derechos fundamentales como al m\u00ednimo \u00a0 vital y ...<br \/><div class=\"pt-cv-rmwrap\"><a href=\"https:\/\/www.dmsjuridica.com\/buscador_20179478954\/corteconstitucionalcronologico202454587\/t-020-18\/\" class=\"_self pt-cv-readmore btn btn-success\" target=\"_self\">Ver Sentencia Completa...<\/a><\/div><\/div><\/div><\/div>\n<div class=\"col-md-12 col-sm-12 col-xs-12 pt-cv-content-item pt-cv-1-col\" ><div class='pt-cv-ifield'><a href=\"https:\/\/www.dmsjuridica.com\/buscador_20179478954\/corteconstitucionalcronologico202454587\/t-019-18\/\" class=\"_self pt-cv-href-thumbnail pt-cv-thumb-default\" target=\"_self\" ><\/a>\n<div class=\"pt-cv-taxoterm above_title\"><a href='https:\/\/www.dmsjuridica.com\/buscador_20179478954\/corteconstitucionalcronologico202454587\/category\/buscar-en-toda-la-corte\/2018\/tutelas-2018\/' title='Tutelas 2018' class='pt-cv-tax-tutelas-2018'>Tutelas 2018<\/a><\/div>\n<h4 class=\"pt-cv-title\"><a href=\"https:\/\/www.dmsjuridica.com\/buscador_20179478954\/corteconstitucionalcronologico202454587\/t-019-18\/\" class=\"_self\" target=\"_self\" >T-019-18<\/a><\/h4>\n<div class=\"pt-cv-content\">\u00a0 \u00a0 \u00a0 \u00a0 \u00a0T-019-18 \u00a0 \u00a0 \u00a0 \u00a0 \u00a0 \u00a0\u00a0 Sentencia T-019\/18 \u00a0 \u00a0 DERECHO A LA PENSION ESPECIAL DE VEJEZ POR HIJO EN SITUACION DE DISCAPACIDAD-Regulaci\u00f3n \u00a0 en la Ley 797 de 2003 \u00a0 \u00a0 DERECHO A LA PENSION ESPECIAL DE VEJEZ POR HIJO EN SITUACION DE DISCAPACIDAD-Requisitos \u00a0 \u00a0 \u00a0\u00a0\u00a0\u00a0\u00a0\u00a0\u00a0\u00a0 \u00a0 \u00a0 PADRE CABEZA DE FAMILIA-Desarrollo del concepto \u00a0 \u00a0 ACCION DE TUTELA PARA RECONOCIMIENTO DE PENSION ESPECIAL DE VEJEZ-Improcedencia \u00a0 por existir otro medio de defensa judicial y no acreditar perjuicio irremediable \u00a0 \u00a0 Para el an\u00e1lisis del caso en particular, aparte de poner de \u00a0 ...<br \/><div class=\"pt-cv-rmwrap\"><a href=\"https:\/\/www.dmsjuridica.com\/buscador_20179478954\/corteconstitucionalcronologico202454587\/t-019-18\/\" class=\"_self pt-cv-readmore btn btn-success\" target=\"_self\">Ver Sentencia Completa...<\/a><\/div><\/div><\/div><\/div>\n<div class=\"col-md-12 col-sm-12 col-xs-12 pt-cv-content-item pt-cv-1-col\" ><div class='pt-cv-ifield'><a href=\"https:\/\/www.dmsjuridica.com\/buscador_20179478954\/corteconstitucionalcronologico202454587\/t-018-18\/\" class=\"_self pt-cv-href-thumbnail pt-cv-thumb-default\" target=\"_self\" ><\/a>\n<div class=\"pt-cv-taxoterm above_title\"><a href='https:\/\/www.dmsjuridica.com\/buscador_20179478954\/corteconstitucionalcronologico202454587\/category\/buscar-en-toda-la-corte\/2018\/tutelas-2018\/' title='Tutelas 2018' class='pt-cv-tax-tutelas-2018'>Tutelas 2018<\/a><\/div>\n<h4 class=\"pt-cv-title\"><a href=\"https:\/\/www.dmsjuridica.com\/buscador_20179478954\/corteconstitucionalcronologico202454587\/t-018-18\/\" class=\"_self\" target=\"_self\" >T-018-18<\/a><\/h4>\n<div class=\"pt-cv-content\">\u00a0 \u00a0 \u00a0 \u00a0 \u00a0T-018-18 \u00a0 \u00a0 \u00a0 \u00a0 \u00a0 \u00a0\u00a0 Sentencia \u00a0 T-018\/18 \u00a0 \u00a0 ACCION DE TUTELA CONTRA PROVIDENCIAS JUDICIALES-Reiteraci\u00f3n de jurisprudencia sobre procedencia excepcional\u00a0 \u00a0 \u00a0 ACCION DE TUTELA CONTRA PROVIDENCIAS JUDICIALES-Requisitos generales y especiales de procedibilidad \u00a0 \u00a0 CARACTERIZACION DEL DEFECTO MATERIAL O SUSTANTIVO COMO CAUSAL DE \u00a0 PROCEDIBILIDAD DE LA ACCION DE TUTELA CONTRA PROVIDENCIAS JUDICIALES-Reiteraci\u00f3n de jurisprudencia \u00a0 \u00a0 El defecto sustantivo se ha caracterizado por la existencia de un \u00a0 yerro en la providencia judicial, originado en el proceso de interpretaci\u00f3n y \u00a0 aplicaci\u00f3n de las disposiciones jur\u00eddicas sometidas al conocimiento del juez; ...<br \/><div class=\"pt-cv-rmwrap\"><a href=\"https:\/\/www.dmsjuridica.com\/buscador_20179478954\/corteconstitucionalcronologico202454587\/t-018-18\/\" class=\"_self pt-cv-readmore btn btn-success\" target=\"_self\">Ver Sentencia Completa...<\/a><\/div><\/div><\/div><\/div>\n<div class=\"col-md-12 col-sm-12 col-xs-12 pt-cv-content-item pt-cv-1-col\" ><div class='pt-cv-ifield'><a href=\"https:\/\/www.dmsjuridica.com\/buscador_20179478954\/corteconstitucionalcronologico202454587\/t-017-18\/\" class=\"_self pt-cv-href-thumbnail pt-cv-thumb-default\" target=\"_self\" ><\/a>\n<div class=\"pt-cv-taxoterm above_title\"><a href='https:\/\/www.dmsjuridica.com\/buscador_20179478954\/corteconstitucionalcronologico202454587\/category\/buscar-en-toda-la-corte\/2018\/tutelas-2018\/' title='Tutelas 2018' class='pt-cv-tax-tutelas-2018'>Tutelas 2018<\/a><\/div>\n<h4 class=\"pt-cv-title\"><a href=\"https:\/\/www.dmsjuridica.com\/buscador_20179478954\/corteconstitucionalcronologico202454587\/t-017-18\/\" class=\"_self\" target=\"_self\" >T-017-18<\/a><\/h4>\n<div class=\"pt-cv-content\">\u00a0 \u00a0 \u00a0 \u00a0 \u00a0T-017-18 \u00a0 \u00a0 \u00a0 \u00a0 \u00a0 \u00a0\u00a0 Sentencia T-017 de 2018 \u00a0 \u00a0 ACCION DE TUTELA PARA RECONOCIMIENTO DE SUSTITUCION PENSIONAL-Procedencia cuando se trata de \u00a0 adultos mayores \u00a0 \u00a0 DERECHO A LA PENSION DE SOBREVIVIENTES Y A LA SUSTITUCION \u00a0 PENSIONAL-Naturaleza \u00a0 jur\u00eddica y finalidad \u00a0 \u00a0 SUSTITUCION PENSIONAL-R\u00e9gimen pensional de Ecopetrol \u00a0 \u00a0 SUSTITUCION PENSIONAL PARA CONYUGE SUPERSTITE Y COMPA\u00d1ERA \u00a0 PERMANENTE-Reconocimiento \u00a0 proporcional a la convivencia \u00a0 \u00a0 ACCION DE TUTELA PARA RECONOCIMIENTO DE SUSTITUCION PENSIONAL-Orden a Ecopetrol reconocer y \u00a0 pagar a c\u00f3nyuge sup\u00e9rstite el 50% de la sustituci\u00f3n pensional que actualmente ...<br \/><div class=\"pt-cv-rmwrap\"><a href=\"https:\/\/www.dmsjuridica.com\/buscador_20179478954\/corteconstitucionalcronologico202454587\/t-017-18\/\" class=\"_self pt-cv-readmore btn btn-success\" target=\"_self\">Ver Sentencia Completa...<\/a><\/div><\/div><\/div><\/div>\n<div class=\"col-md-12 col-sm-12 col-xs-12 pt-cv-content-item pt-cv-1-col\" ><div class='pt-cv-ifield'><a href=\"https:\/\/www.dmsjuridica.com\/buscador_20179478954\/corteconstitucionalcronologico202454587\/t-015-18\/\" class=\"_self pt-cv-href-thumbnail pt-cv-thumb-default\" target=\"_self\" ><\/a>\n<div class=\"pt-cv-taxoterm above_title\"><a href='https:\/\/www.dmsjuridica.com\/buscador_20179478954\/corteconstitucionalcronologico202454587\/category\/buscar-en-toda-la-corte\/2018\/tutelas-2018\/' title='Tutelas 2018' class='pt-cv-tax-tutelas-2018'>Tutelas 2018<\/a><\/div>\n<h4 class=\"pt-cv-title\"><a href=\"https:\/\/www.dmsjuridica.com\/buscador_20179478954\/corteconstitucionalcronologico202454587\/t-015-18\/\" class=\"_self\" target=\"_self\" >T-015-18<\/a><\/h4>\n<div class=\"pt-cv-content\">\u00a0 \u00a0 \u00a0 \u00a0 \u00a0T-015-18 \u00a0 \u00a0 \u00a0 \u00a0 \u00a0 \u00a0\u00a0 Sentencia T-015\/18 \u00a0 \u00a0 ACCION DE TUTELA CONTRA PROVIDENCIAS \u00a0 JUDICIALES-Reiteraci\u00f3n de \u00a0 jurisprudencia sobre procedencia excepcional\u00a0 \u00a0 \u00a0 ACCION DE TUTELA CONTRA PROVIDENCIAS \u00a0 JUDICIALES-Requisitos generales \u00a0 y especiales de procedibilidad \u00a0 \u00a0 MEDIDAS DE PROTECCION CONTRA LA \u00a0 VIOLENCIA INTRAFAMILIAR-Deber de las Comisar\u00edas de Familia, de analizar las condiciones \u00a0 especiales que tenga un miembro del n\u00facleo familiar, que pueda resultar afectado \u00a0 con medida de protecci\u00f3n que se adopte en el proceso \u00a0 \u00a0 MEDIDAS DE PROTECCION CONTRA LA \u00a0 VIOLENCIA INTRAFAMILIAR-Imposici\u00f3n de medidas a favor ...<br \/><div class=\"pt-cv-rmwrap\"><a href=\"https:\/\/www.dmsjuridica.com\/buscador_20179478954\/corteconstitucionalcronologico202454587\/t-015-18\/\" class=\"_self pt-cv-readmore btn btn-success\" target=\"_self\">Ver Sentencia Completa...<\/a><\/div><\/div><\/div><\/div>\n<div class=\"col-md-12 col-sm-12 col-xs-12 pt-cv-content-item pt-cv-1-col\" ><div class='pt-cv-ifield'><a href=\"https:\/\/www.dmsjuridica.com\/buscador_20179478954\/corteconstitucionalcronologico202454587\/t-014-18\/\" class=\"_self pt-cv-href-thumbnail pt-cv-thumb-default\" target=\"_self\" ><\/a>\n<div class=\"pt-cv-taxoterm above_title\"><a href='https:\/\/www.dmsjuridica.com\/buscador_20179478954\/corteconstitucionalcronologico202454587\/category\/buscar-en-toda-la-corte\/2018\/tutelas-2018\/' title='Tutelas 2018' class='pt-cv-tax-tutelas-2018'>Tutelas 2018<\/a><\/div>\n<h4 class=\"pt-cv-title\"><a href=\"https:\/\/www.dmsjuridica.com\/buscador_20179478954\/corteconstitucionalcronologico202454587\/t-014-18\/\" class=\"_self\" target=\"_self\" >T-014-18<\/a><\/h4>\n<div class=\"pt-cv-content\">\u00a0 \u00a0 \u00a0 \u00a0 \u00a0T-014-18 \u00a0 \u00a0 \u00a0 \u00a0 \u00a0 \u00a0\u00a0 Sentencia T-014\/18 \u00a0 \u00a0 ACCION DE TUTELA CONTRA PROVIDENCIAS \u00a0 JUDICIALES-Reiteraci\u00f3n de \u00a0 jurisprudencia sobre procedencia excepcional\u00a0 \u00a0 \u00a0 ACCION DE TUTELA CONTRA PROVIDENCIAS \u00a0 JUDICIALES-Requisitos generales \u00a0 y especiales de procedibilidad \u00a0 \u00a0 DERECHO DE ASOCIACION SINDICAL-Dimensiones \u00a0 \u00a0 FUERO SINDICAL-Concepto\/FUERO SINDICAL-Finalidad \u00a0 \u00a0 tad sindical. El fuero sindical, de contera, \u00a0 tambi\u00e9n busca proteger de manera especial a los sindicatos, para que puedan \u00a0 cumplir libremente su funci\u00f3n de defender los intereses de sus afiliados. \u00a0 \u00a0 PROCESO DE \u00a0 LEVANTAMIENTO DE FUERO SINDICAL-Naturaleza \u00a0 \u00a0 ACCION ...<br \/><div class=\"pt-cv-rmwrap\"><a href=\"https:\/\/www.dmsjuridica.com\/buscador_20179478954\/corteconstitucionalcronologico202454587\/t-014-18\/\" class=\"_self pt-cv-readmore btn btn-success\" target=\"_self\">Ver Sentencia Completa...<\/a><\/div><\/div><\/div><\/div>\n<div class=\"col-md-12 col-sm-12 col-xs-12 pt-cv-content-item pt-cv-1-col\" ><div class='pt-cv-ifield'><a href=\"https:\/\/www.dmsjuridica.com\/buscador_20179478954\/corteconstitucionalcronologico202454587\/t-013-18\/\" class=\"_self pt-cv-href-thumbnail pt-cv-thumb-default\" target=\"_self\" ><\/a>\n<div class=\"pt-cv-taxoterm above_title\"><a href='https:\/\/www.dmsjuridica.com\/buscador_20179478954\/corteconstitucionalcronologico202454587\/category\/buscar-en-toda-la-corte\/2018\/tutelas-2018\/' title='Tutelas 2018' class='pt-cv-tax-tutelas-2018'>Tutelas 2018<\/a><\/div>\n<h4 class=\"pt-cv-title\"><a href=\"https:\/\/www.dmsjuridica.com\/buscador_20179478954\/corteconstitucionalcronologico202454587\/t-013-18\/\" class=\"_self\" target=\"_self\" >T-013-18<\/a><\/h4>\n<div class=\"pt-cv-content\">\u00a0 \u00a0 \u00a0 \u00a0 \u00a0T-013-18 \u00a0 \u00a0 \u00a0 \u00a0 \u00a0 \u00a0\u00a0 Sentencia T-013\/18 \u00a0 \u00a0 VIA GUBERNATIVA ANTE EMPRESAS DE SERVICIOS PUBLICOS DOMICILIARIOS \u00a0 \u00a0 ACCION DE TUTELA CONTRA ELECTRICARIBE-Improcedencia por no \u00a0 agotar recursos de la v\u00eda gubernativa \u00a0 \u00a0 La jurisprudencia de esta Corporaci\u00f3n ha sido consistente en \u00a0 afirmar que el ejercicio no oportuno de los recursos de la v\u00eda gubernativa en \u00a0 contra de las decisiones empresariales en materia de servicios p\u00fablicos \u00a0 domiciliarios torna en improcedente la acci\u00f3n de tutela. \u00a0 \u00a0 Referencia: Expedientes acumulados T-6.402.527, T-6.402.528, T-6.402.529, \u00a0 T-6.402.530 y T-6.402.531. \u00a0 \u00a0 Acciones ...<br \/><div class=\"pt-cv-rmwrap\"><a href=\"https:\/\/www.dmsjuridica.com\/buscador_20179478954\/corteconstitucionalcronologico202454587\/t-013-18\/\" class=\"_self pt-cv-readmore btn btn-success\" target=\"_self\">Ver Sentencia Completa...<\/a><\/div><\/div><\/div><\/div>\n<div class=\"col-md-12 col-sm-12 col-xs-12 pt-cv-content-item pt-cv-1-col\" ><div class='pt-cv-ifield'><a href=\"https:\/\/www.dmsjuridica.com\/buscador_20179478954\/corteconstitucionalcronologico202454587\/t-011-18\/\" class=\"_self pt-cv-href-thumbnail pt-cv-thumb-default\" target=\"_self\" ><\/a>\n<div class=\"pt-cv-taxoterm above_title\"><a href='https:\/\/www.dmsjuridica.com\/buscador_20179478954\/corteconstitucionalcronologico202454587\/category\/buscar-en-toda-la-corte\/2018\/tutelas-2018\/' title='Tutelas 2018' class='pt-cv-tax-tutelas-2018'>Tutelas 2018<\/a><\/div>\n<h4 class=\"pt-cv-title\"><a href=\"https:\/\/www.dmsjuridica.com\/buscador_20179478954\/corteconstitucionalcronologico202454587\/t-011-18\/\" class=\"_self\" target=\"_self\" >T-011-18<\/a><\/h4>\n<div class=\"pt-cv-content\">\u00a0 \u00a0 \u00a0 \u00a0 \u00a0T-011-18 \u00a0 \u00a0 \u00a0 \u00a0 \u00a0 \u00a0\u00a0 Sentencia T-011\/18 \u00a0 \u00a0 LEGITIMACION POR ACTIVA EN TUTELA-Asociaci\u00f3n en representaci\u00f3n de \u00a0 comunidades ind\u00edgenas \u00a0 \u00a0 LEGITIMACION POR PASIVA EN TUTELA-Autoridad \u00a0 p\u00fablica \u00a0 \u00a0 ACCION DE TUTELA PARA LA PROTECCION DEL DERECHO A LA CONSULTA \u00a0 PREVIA-\u00danico mecanismo judicial eficaz para garantizar que los pueblos \u00a0 ind\u00edgenas sean consultados \u00a0 \u00a0 Comoquiera que el objeto de la presente controversia gira en torno a la consulta \u00a0 previa de los pueblos ind\u00edgenas, el amparo se torna procedente. En el pasado, \u00a0 esta Corporaci\u00f3n ha reiterado que la acci\u00f3n ...<br \/><div class=\"pt-cv-rmwrap\"><a href=\"https:\/\/www.dmsjuridica.com\/buscador_20179478954\/corteconstitucionalcronologico202454587\/t-011-18\/\" class=\"_self pt-cv-readmore btn btn-success\" target=\"_self\">Ver Sentencia Completa...<\/a><\/div><\/div><\/div><\/div>\n<div class=\"col-md-12 col-sm-12 col-xs-12 pt-cv-content-item pt-cv-1-col\" ><div class='pt-cv-ifield'><a href=\"https:\/\/www.dmsjuridica.com\/buscador_20179478954\/corteconstitucionalcronologico202454587\/t-009-18\/\" class=\"_self pt-cv-href-thumbnail pt-cv-thumb-default\" target=\"_self\" ><\/a>\n<div class=\"pt-cv-taxoterm above_title\"><a href='https:\/\/www.dmsjuridica.com\/buscador_20179478954\/corteconstitucionalcronologico202454587\/category\/buscar-en-toda-la-corte\/2018\/tutelas-2018\/' title='Tutelas 2018' class='pt-cv-tax-tutelas-2018'>Tutelas 2018<\/a><\/div>\n<h4 class=\"pt-cv-title\"><a href=\"https:\/\/www.dmsjuridica.com\/buscador_20179478954\/corteconstitucionalcronologico202454587\/t-009-18\/\" class=\"_self\" target=\"_self\" >T-009-18<\/a><\/h4>\n<div class=\"pt-cv-content\">\u00a0 \u00a0 \u00a0 \u00a0 \u00a0T-009-18 \u00a0 \u00a0 \u00a0 \u00a0 \u00a0 \u00a0\u00a0 \u00a0\u00a0\u00a0\u00a0\u00a0\u00a0\u00a0\u00a0\u00a0\u00a0\u00a0\u00a0\u00a0\u00a0\u00a0\u00a0\u00a0\u00a0\u00a0\u00a0\u00a0\u00a0\u00a0\u00a0\u00a0\u00a0\u00a0\u00a0\u00a0\u00a0\u00a0\u00a0\u00a0\u00a0\u00a0\u00a0\u00a0\u00a0\u00a0\u00a0\u00a0\u00a0\u00a0 \u00a0 \u00a0\u00a0\u00a0\u00a0\u00a0\u00a0\u00a0\u00a0\u00a0\u00a0\u00a0\u00a0\u00a0\u00a0\u00a0\u00a0\u00a0\u00a0\u00a0\u00a0\u00a0\u00a0\u00a0\u00a0\u00a0\u00a0\u00a0\u00a0\u00a0\u00a0\u00a0\u00a0\u00a0\u00a0\u00a0\u00a0\u00a0\u00a0\u00a0\u00a0\u00a0\u00a0\u00a0\u00a0\u00a0\u00a0\u00a0\u00a0\u00a0\u00a0\u00a0\u00a0\u00a0\u00a0\u00a0\u00a0\u00a0\u00a0\u00a0\u00a0\u00a0\u00a0\u00a0\u00a0\u00a0\u00a0\u00a0\u00a0\u00a0\u00a0\u00a0\u00a0\u00a0\u00a0\u00a0\u00a0\u00a0\u00a0\u00a0\u00a0\u00a0\u00a0\u00a0\u00a0\u00a0\u00a0\u00a0\u00a0\u00a0\u00a0\u00a0\u00a0\u00a0\u00a0\u00a0\u00a0\u00a0\u00a0\u00a0\u00a0\u00a0\u00a0\u00a0\u00a0\u00a0\u00a0\u00a0\u00a0\u00a0\u00a0\u00a0\u00a0\u00a0\u00a0\u00a0\u00a0\u00a0\u00a0\u00a0\u00a0\u00a0\u00a0\u00a0\u00a0\u00a0\u00a0\u00a0\u00a0\u00a0\u00a0\u00a0\u00a0\u00a0\u00a0\u00a0\u00a0\u00a0\u00a0\u00a0\u00a0\u00a0\u00a0\u00a0\u00a0\u00a0\u00a0\u00a0\u00a0\u00a0\u00a0\u00a0\u00a0\u00a0\u00a0\u00a0\u00a0\u00a0\u00a0\u00a0\u00a0\u00a0\u00a0\u00a0\u00a0\u00a0\u00a0\u00a0\u00a0\u00a0\u00a0\u00a0\u00a0\u00a0\u00a0\u00a0\u00a0\u00a0\u00a0\u00a0\u00a0\u00a0\u00a0\u00a0\u00a0\u00a0\u00a0\u00a0\u00a0\u00a0\u00a0\u00a0\u00a0\u00a0\u00a0\u00a0\u00a0\u00a0\u00a0\u00a0\u00a0\u00a0\u00a0\u00a0\u00a0\u00a0\u00a0\u00a0\u00a0\u00a0\u00a0\u00a0\u00a0\u00a0\u00a0\u00a0\u00a0\u00a0\u00a0\u00a0\u00a0\u00a0\u00a0\u00a0\u00a0\u00a0\u00a0\u00a0\u00a0\u00a0\u00a0\u00a0\u00a0\u00a0\u00a0\u00a0\u00a0\u00a0\u00a0\u00a0\u00a0\u00a0\u00a0\u00a0\u00a0\u00a0\u00a0\u00a0\u00a0\u00a0\u00a0\u00a0\u00a0\u00a0\u00a0\u00a0\u00a0\u00a0\u00a0\u00a0\u00a0\u00a0\u00a0\u00a0\u00a0\u00a0\u00a0\u00a0\u00a0\u00a0\u00a0\u00a0\u00a0\u00a0\u00a0\u00a0\u00a0\u00a0\u00a0\u00a0\u00a0\u00a0\u00a0\u00a0\u00a0\u00a0\u00a0\u00a0\u00a0\u00a0\u00a0\u00a0\u00a0\u00a0\u00a0\u00a0\u00a0\u00a0\u00a0\u00a0\u00a0\u00a0\u00a0\u00a0\u00a0\u00a0\u00a0\u00a0\u00a0\u00a0\u00a0\u00a0\u00a0\u00a0\u00a0\u00a0\u00a0\u00a0\u00a0\u00a0\u00a0\u00a0\u00a0\u00a0\u00a0\u00a0\u00a0\u00a0\u00a0\u00a0\u00a0\u00a0\u00a0\u00a0\u00a0\u00a0\u00a0\u00a0\u00a0\u00a0\u00a0\u00a0\u00a0\u00a0\u00a0\u00a0\u00a0\u00a0\u00a0\u00a0\u00a0\u00a0\u00a0\u00a0\u00a0\u00a0\u00a0\u00a0\u00a0\u00a0\u00a0\u00a0\u00a0\u00a0\u00a0\u00a0\u00a0\u00a0\u00a0\u00a0\u00a0\u00a0\u00a0\u00a0\u00a0\u00a0\u00a0\u00a0\u00a0\u00a0\u00a0\u00a0\u00a0\u00a0\u00a0\u00a0\u00a0\u00a0\u00a0\u00a0\u00a0\u00a0\u00a0\u00a0\u00a0\u00a0\u00a0\u00a0\u00a0\u00a0\u00a0\u00a0\u00a0\u00a0\u00a0\u00a0\u00a0\u00a0\u00a0\u00a0\u00a0\u00a0\u00a0\u00a0\u00a0\u00a0\u00a0\u00a0\u00a0\u00a0\u00a0\u00a0\u00a0\u00a0\u00a0\u00a0\u00a0\u00a0\u00a0\u00a0\u00a0\u00a0\u00a0\u00a0\u00a0\u00a0\u00a0\u00a0\u00a0\u00a0\u00a0\u00a0\u00a0\u00a0\u00a0\u00a0\u00a0\u00a0\u00a0\u00a0\u00a0\u00a0\u00a0\u00a0\u00a0\u00a0\u00a0\u00a0\u00a0\u00a0\u00a0\u00a0\u00a0\u00a0\u00a0\u00a0\u00a0\u00a0\u00a0\u00a0\u00a0\u00a0\u00a0\u00a0\u00a0\u00a0\u00a0\u00a0\u00a0\u00a0\u00a0\u00a0\u00a0\u00a0\u00a0\u00a0\u00a0\u00a0\u00a0\u00a0\u00a0\u00a0\u00a0\u00a0\u00a0\u00a0\u00a0\u00a0\u00a0\u00a0\u00a0\u00a0\u00a0\u00a0\u00a0\u00a0\u00a0\u00a0\u00a0\u00a0\u00a0\u00a0\u00a0\u00a0\u00a0\u00a0\u00a0\u00a0\u00a0\u00a0\u00a0\u00a0\u00a0\u00a0\u00a0\u00a0\u00a0\u00a0\u00a0\u00a0\u00a0\u00a0\u00a0\u00a0\u00a0\u00a0\u00a0\u00a0\u00a0\u00a0\u00a0\u00a0\u00a0\u00a0\u00a0\u00a0\u00a0\u00a0\u00a0\u00a0\u00a0\u00a0\u00a0\u00a0\u00a0\u00a0\u00a0\u00a0\u00a0\u00a0\u00a0\u00a0\u00a0\u00a0\u00a0\u00a0\u00a0\u00a0\u00a0\u00a0\u00a0\u00a0\u00a0\u00a0\u00a0\u00a0\u00a0\u00a0\u00a0\u00a0\u00a0\u00a0\u00a0\u00a0\u00a0\u00a0\u00a0\u00a0\u00a0\u00a0\u00a0\u00a0\u00a0\u00a0\u00a0\u00a0\u00a0\u00a0\u00a0\u00a0\u00a0\u00a0\u00a0\u00a0\u00a0\u00a0\u00a0\u00a0\u00a0\u00a0\u00a0\u00a0\u00a0\u00a0\u00a0\u00a0\u00a0\u00a0\u00a0\u00a0\u00a0\u00a0\u00a0\u00a0\u00a0\u00a0\u00a0\u00a0\u00a0\u00a0\u00a0\u00a0\u00a0\u00a0\u00a0\u00a0\u00a0\u00a0\u00a0\u00a0\u00a0\u00a0\u00a0\u00a0\u00a0\u00a0\u00a0\u00a0\u00a0\u00a0\u00a0\u00a0\u00a0\u00a0\u00a0\u00a0\u00a0\u00a0\u00a0\u00a0\u00a0\u00a0\u00a0\u00a0\u00a0\u00a0\u00a0\u00a0\u00a0\u00a0\u00a0\u00a0\u00a0\u00a0\u00a0\u00a0\u00a0\u00a0\u00a0\u00a0\u00a0\u00a0\u00a0\u00a0\u00a0\u00a0\u00a0\u00a0\u00a0\u00a0\u00a0\u00a0\u00a0\u00a0\u00a0\u00a0\u00a0\u00a0\u00a0\u00a0\u00a0\u00a0\u00a0\u00a0\u00a0\u00a0\u00a0\u00a0\u00a0\u00a0\u00a0\u00a0\u00a0\u00a0\u00a0\u00a0\u00a0\u00a0\u00a0\u00a0\u00a0\u00a0\u00a0\u00a0\u00a0\u00a0\u00a0\u00a0\u00a0\u00a0\u00a0\u00a0\u00a0\u00a0\u00a0\u00a0\u00a0\u00a0\u00a0\u00a0\u00a0\u00a0\u00a0\u00a0\u00a0\u00a0\u00a0\u00a0\u00a0\u00a0\u00a0\u00a0\u00a0\u00a0\u00a0\u00a0\u00a0\u00a0\u00a0\u00a0\u00a0\u00a0\u00a0\u00a0\u00a0\u00a0\u00a0\u00a0\u00a0\u00a0\u00a0\u00a0\u00a0\u00a0\u00a0\u00a0\u00a0\u00a0\u00a0\u00a0\u00a0\u00a0\u00a0\u00a0\u00a0\u00a0\u00a0\u00a0\u00a0\u00a0\u00a0\u00a0\u00a0\u00a0\u00a0\u00a0\u00a0\u00a0\u00a0\u00a0\u00a0\u00a0\u00a0\u00a0\u00a0\u00a0\u00a0\u00a0\u00a0\u00a0\u00a0\u00a0\u00a0\u00a0\u00a0\u00a0\u00a0\u00a0\u00a0\u00a0\u00a0\u00a0\u00a0\u00a0\u00a0\u00a0\u00a0\u00a0\u00a0\u00a0\u00a0\u00a0\u00a0\u00a0\u00a0\u00a0\u00a0\u00a0\u00a0\u00a0\u00a0\u00a0\u00a0\u00a0\u00a0\u00a0\u00a0\u00a0\u00a0\u00a0\u00a0\u00a0\u00a0\u00a0\u00a0\u00a0\u00a0\u00a0\u00a0\u00a0\u00a0\u00a0\u00a0\u00a0\u00a0\u00a0\u00a0\u00a0\u00a0\u00a0\u00a0\u00a0\u00a0\u00a0\u00a0\u00a0\u00a0\u00a0\u00a0\u00a0\u00a0\u00a0\u00a0\u00a0\u00a0\u00a0\u00a0\u00a0\u00a0\u00a0\u00a0\u00a0\u00a0\u00a0\u00a0\u00a0\u00a0\u00a0\u00a0\u00a0\u00a0\u00a0\u00a0\u00a0\u00a0\u00a0\u00a0\u00a0\u00a0\u00a0\u00a0\u00a0\u00a0\u00a0\u00a0\u00a0\u00a0\u00a0\u00a0\u00a0\u00a0\u00a0\u00a0\u00a0\u00a0\u00a0\u00a0\u00a0\u00a0\u00a0\u00a0\u00a0\u00a0\u00a0\u00a0\u00a0\u00a0\u00a0\u00a0\u00a0\u00a0\u00a0\u00a0\u00a0\u00a0\u00a0\u00a0\u00a0\u00a0\u00a0\u00a0\u00a0\u00a0\u00a0\u00a0\u00a0\u00a0\u00a0\u00a0\u00a0\u00a0\u00a0\u00a0\u00a0\u00a0\u00a0\u00a0\u00a0\u00a0\u00a0\u00a0\u00a0\u00a0\u00a0\u00a0\u00a0\u00a0\u00a0\u00a0\u00a0\u00a0\u00a0\u00a0\u00a0\u00a0\u00a0\u00a0\u00a0\u00a0\u00a0\u00a0\u00a0\u00a0\u00a0\u00a0\u00a0\u00a0\u00a0\u00a0\u00a0\u00a0\u00a0\u00a0\u00a0\u00a0\u00a0\u00a0\u00a0\u00a0\u00a0\u00a0\u00a0\u00a0\u00a0\u00a0\u00a0\u00a0\u00a0\u00a0\u00a0\u00a0\u00a0\u00a0\u00a0\u00a0\u00a0\u00a0\u00a0\u00a0\u00a0\u00a0\u00a0\u00a0\u00a0\u00a0\u00a0\u00a0\u00a0\u00a0\u00a0\u00a0\u00a0\u00a0\u00a0\u00a0\u00a0\u00a0\u00a0\u00a0\u00a0\u00a0\u00a0\u00a0\u00a0\u00a0\u00a0\u00a0\u00a0\u00a0\u00a0\u00a0\u00a0\u00a0\u00a0\u00a0\u00a0\u00a0\u00a0\u00a0\u00a0\u00a0\u00a0\u00a0\u00a0\u00a0\u00a0\u00a0\u00a0\u00a0\u00a0\u00a0\u00a0\u00a0\u00a0\u00a0\u00a0\u00a0\u00a0\u00a0\u00a0\u00a0\u00a0\u00a0\u00a0\u00a0\u00a0\u00a0\u00a0\u00a0\u00a0\u00a0\u00a0\u00a0\u00a0\u00a0\u00a0\u00a0\u00a0\u00a0\u00a0\u00a0\u00a0\u00a0\u00a0\u00a0\u00a0\u00a0\u00a0\u00a0\u00a0\u00a0\u00a0\u00a0\u00a0\u00a0\u00a0\u00a0\u00a0\u00a0\u00a0\u00a0\u00a0\u00a0\u00a0\u00a0\u00a0\u00a0\u00a0\u00a0\u00a0\u00a0\u00a0\u00a0\u00a0\u00a0\u00a0\u00a0\u00a0\u00a0\u00a0\u00a0\u00a0\u00a0\u00a0\u00a0\u00a0\u00a0\u00a0\u00a0\u00a0\u00a0\u00a0\u00a0\u00a0\u00a0\u00a0\u00a0\u00a0\u00a0\u00a0\u00a0\u00a0\u00a0\u00a0\u00a0\u00a0\u00a0\u00a0\u00a0\u00a0\u00a0\u00a0\u00a0\u00a0\u00a0\u00a0\u00a0\u00a0\u00a0\u00a0\u00a0\u00a0\u00a0\u00a0\u00a0\u00a0\u00a0\u00a0\u00a0\u00a0\u00a0\u00a0\u00a0\u00a0\u00a0\u00a0\u00a0\u00a0\u00a0\u00a0\u00a0\u00a0\u00a0\u00a0\u00a0\u00a0\u00a0\u00a0\u00a0\u00a0\u00a0\u00a0\u00a0\u00a0\u00a0\u00a0\u00a0\u00a0\u00a0\u00a0\u00a0\u00a0\u00a0\u00a0\u00a0\u00a0\u00a0\u00a0\u00a0\u00a0\u00a0\u00a0\u00a0\u00a0\u00a0\u00a0\u00a0\u00a0\u00a0\u00a0\u00a0\u00a0\u00a0\u00a0\u00a0\u00a0\u00a0\u00a0\u00a0\u00a0\u00a0\u00a0\u00a0\u00a0\u00a0\u00a0\u00a0\u00a0\u00a0\u00a0\u00a0\u00a0\u00a0\u00a0\u00a0\u00a0\u00a0\u00a0\u00a0\u00a0\u00a0\u00a0\u00a0\u00a0\u00a0\u00a0\u00a0\u00a0\u00a0\u00a0\u00a0\u00a0\u00a0\u00a0\u00a0\u00a0\u00a0\u00a0\u00a0\u00a0\u00a0\u00a0\u00a0\u00a0\u00a0\u00a0\u00a0\u00a0\u00a0\u00a0\u00a0\u00a0\u00a0\u00a0\u00a0\u00a0\u00a0\u00a0\u00a0\u00a0\u00a0\u00a0\u00a0\u00a0\u00a0\u00a0\u00a0\u00a0\u00a0\u00a0\u00a0\u00a0\u00a0\u00a0\u00a0\u00a0\u00a0\u00a0\u00a0\u00a0\u00a0\u00a0\u00a0\u00a0\u00a0\u00a0\u00a0\u00a0\u00a0\u00a0\u00a0\u00a0\u00a0\u00a0\u00a0\u00a0\u00a0\u00a0\u00a0\u00a0\u00a0\u00a0\u00a0\u00a0\u00a0\u00a0\u00a0\u00a0\u00a0\u00a0\u00a0\u00a0\u00a0\u00a0\u00a0\u00a0\u00a0\u00a0\u00a0\u00a0\u00a0\u00a0\u00a0\u00a0\u00a0\u00a0\u00a0\u00a0\u00a0\u00a0\u00a0\u00a0\u00a0\u00a0\u00a0\u00a0\u00a0\u00a0\u00a0\u00a0\u00a0\u00a0\u00a0\u00a0\u00a0\u00a0\u00a0\u00a0\u00a0\u00a0\u00a0\u00a0\u00a0\u00a0\u00a0\u00a0\u00a0\u00a0\u00a0\u00a0\u00a0\u00a0\u00a0\u00a0\u00a0\u00a0\u00a0\u00a0\u00a0\u00a0\u00a0\u00a0\u00a0\u00a0\u00a0\u00a0\u00a0\u00a0\u00a0\u00a0\u00a0\u00a0\u00a0\u00a0\u00a0\u00a0\u00a0\u00a0\u00a0\u00a0\u00a0\u00a0\u00a0\u00a0\u00a0\u00a0\u00a0\u00a0\u00a0\u00a0\u00a0\u00a0\u00a0\u00a0\u00a0\u00a0\u00a0\u00a0\u00a0\u00a0\u00a0\u00a0\u00a0\u00a0\u00a0\u00a0\u00a0\u00a0\u00a0\u00a0\u00a0\u00a0\u00a0\u00a0\u00a0\u00a0\u00a0\u00a0\u00a0\u00a0\u00a0\u00a0\u00a0\u00a0\u00a0\u00a0\u00a0\u00a0\u00a0\u00a0\u00a0\u00a0\u00a0\u00a0\u00a0\u00a0\u00a0\u00a0\u00a0\u00a0\u00a0\u00a0\u00a0\u00a0\u00a0\u00a0\u00a0\u00a0\u00a0\u00a0\u00a0\u00a0\u00a0\u00a0\u00a0\u00a0\u00a0\u00a0\u00a0\u00a0\u00a0\u00a0\u00a0\u00a0\u00a0\u00a0\u00a0\u00a0\u00a0\u00a0\u00a0\u00a0\u00a0\u00a0\u00a0\u00a0\u00a0\u00a0\u00a0\u00a0\u00a0\u00a0\u00a0\u00a0\u00a0\u00a0\u00a0\u00a0\u00a0\u00a0\u00a0\u00a0\u00a0\u00a0\u00a0\u00a0\u00a0\u00a0\u00a0\u00a0\u00a0\u00a0\u00a0\u00a0\u00a0\u00a0\u00a0\u00a0\u00a0\u00a0\u00a0\u00a0\u00a0\u00a0\u00a0\u00a0\u00a0\u00a0\u00a0\u00a0\u00a0\u00a0\u00a0\u00a0\u00a0\u00a0\u00a0\u00a0\u00a0\u00a0\u00a0\u00a0\u00a0\u00a0\u00a0\u00a0\u00a0\u00a0\u00a0\u00a0\u00a0\u00a0\u00a0\u00a0\u00a0\u00a0\u00a0\u00a0\u00a0\u00a0\u00a0\u00a0\u00a0\u00a0\u00a0\u00a0\u00a0\u00a0\u00a0\u00a0\u00a0\u00a0\u00a0\u00a0\u00a0\u00a0\u00a0\u00a0\u00a0\u00a0\u00a0\u00a0\u00a0\u00a0\u00a0\u00a0\u00a0\u00a0\u00a0\u00a0\u00a0\u00a0\u00a0\u00a0\u00a0\u00a0\u00a0\u00a0\u00a0\u00a0\u00a0\u00a0\u00a0\u00a0\u00a0\u00a0\u00a0\u00a0\u00a0\u00a0\u00a0\u00a0\u00a0\u00a0\u00a0\u00a0\u00a0\u00a0\u00a0\u00a0\u00a0\u00a0\u00a0\u00a0\u00a0\u00a0\u00a0\u00a0\u00a0\u00a0\u00a0\u00a0\u00a0\u00a0\u00a0\u00a0\u00a0\u00a0\u00a0\u00a0\u00a0\u00a0\u00a0\u00a0\u00a0\u00a0\u00a0\u00a0\u00a0\u00a0\u00a0\u00a0\u00a0\u00a0\u00a0\u00a0\u00a0\u00a0\u00a0\u00a0\u00a0\u00a0\u00a0\u00a0\u00a0\u00a0\u00a0\u00a0\u00a0\u00a0\u00a0\u00a0\u00a0\u00a0\u00a0\u00a0\u00a0\u00a0\u00a0\u00a0\u00a0\u00a0\u00a0\u00a0\u00a0\u00a0\u00a0\u00a0\u00a0\u00a0\u00a0\u00a0\u00a0\u00a0\u00a0\u00a0\u00a0\u00a0\u00a0\u00a0\u00a0\u00a0\u00a0\u00a0\u00a0\u00a0\u00a0\u00a0\u00a0\u00a0\u00a0\u00a0\u00a0\u00a0\u00a0\u00a0\u00a0\u00a0\u00a0\u00a0\u00a0\u00a0\u00a0\u00a0\u00a0\u00a0\u00a0\u00a0\u00a0\u00a0\u00a0\u00a0\u00a0\u00a0\u00a0\u00a0\u00a0\u00a0\u00a0\u00a0\u00a0\u00a0\u00a0\u00a0\u00a0\u00a0\u00a0\u00a0\u00a0\u00a0\u00a0\u00a0\u00a0\u00a0\u00a0\u00a0\u00a0\u00a0\u00a0\u00a0\u00a0\u00a0\u00a0\u00a0\u00a0\u00a0\u00a0\u00a0\u00a0\u00a0\u00a0\u00a0\u00a0\u00a0\u00a0\u00a0\u00a0\u00a0\u00a0\u00a0\u00a0\u00a0\u00a0\u00a0\u00a0\u00a0\u00a0\u00a0\u00a0\u00a0\u00a0\u00a0\u00a0\u00a0\u00a0\u00a0\u00a0\u00a0\u00a0\u00a0\u00a0\u00a0\u00a0\u00a0\u00a0\u00a0\u00a0\u00a0\u00a0\u00a0\u00a0\u00a0\u00a0\u00a0\u00a0\u00a0\u00a0\u00a0\u00a0\u00a0\u00a0\u00a0\u00a0\u00a0\u00a0\u00a0\u00a0\u00a0\u00a0\u00a0\u00a0\u00a0\u00a0\u00a0\u00a0\u00a0\u00a0\u00a0\u00a0\u00a0\u00a0\u00a0\u00a0\u00a0\u00a0\u00a0\u00a0\u00a0\u00a0\u00a0\u00a0\u00a0\u00a0\u00a0\u00a0\u00a0\u00a0\u00a0\u00a0\u00a0\u00a0\u00a0\u00a0\u00a0\u00a0\u00a0\u00a0\u00a0\u00a0\u00a0\u00a0\u00a0\u00a0\u00a0\u00a0\u00a0\u00a0\u00a0\u00a0\u00a0\u00a0\u00a0\u00a0\u00a0\u00a0\u00a0\u00a0\u00a0\u00a0\u00a0\u00a0\u00a0\u00a0\u00a0\u00a0\u00a0\u00a0\u00a0\u00a0\u00a0\u00a0\u00a0\u00a0\u00a0\u00a0\u00a0\u00a0\u00a0\u00a0\u00a0\u00a0\u00a0\u00a0\u00a0\u00a0\u00a0\u00a0\u00a0\u00a0\u00a0\u00a0\u00a0\u00a0\u00a0\u00a0\u00a0\u00a0\u00a0\u00a0\u00a0\u00a0\u00a0\u00a0\u00a0\u00a0\u00a0\u00a0\u00a0\u00a0\u00a0\u00a0\u00a0\u00a0\u00a0\u00a0\u00a0\u00a0\u00a0\u00a0\u00a0\u00a0\u00a0\u00a0\u00a0\u00a0\u00a0\u00a0\u00a0\u00a0\u00a0\u00a0\u00a0\u00a0\u00a0\u00a0\u00a0\u00a0\u00a0\u00a0\u00a0\u00a0\u00a0\u00a0\u00a0\u00a0\u00a0\u00a0\u00a0\u00a0\u00a0\u00a0\u00a0\u00a0\u00a0\u00a0\u00a0\u00a0\u00a0\u00a0\u00a0\u00a0\u00a0\u00a0\u00a0\u00a0\u00a0\u00a0\u00a0\u00a0\u00a0\u00a0\u00a0\u00a0\u00a0\u00a0\u00a0\u00a0\u00a0\u00a0\u00a0\u00a0\u00a0\u00a0\u00a0\u00a0\u00a0\u00a0\u00a0\u00a0\u00a0\u00a0\u00a0\u00a0\u00a0\u00a0\u00a0\u00a0\u00a0\u00a0\u00a0\u00a0\u00a0\u00a0\u00a0\u00a0\u00a0\u00a0\u00a0\u00a0\u00a0\u00a0\u00a0\u00a0\u00a0\u00a0\u00a0\u00a0\u00a0\u00a0\u00a0\u00a0\u00a0\u00a0\u00a0\u00a0\u00a0\u00a0\u00a0\u00a0\u00a0\u00a0\u00a0\u00a0\u00a0\u00a0\u00a0\u00a0\u00a0\u00a0\u00a0\u00a0\u00a0\u00a0\u00a0\u00a0\u00a0\u00a0\u00a0\u00a0\u00a0\u00a0\u00a0\u00a0\u00a0\u00a0\u00a0\u00a0\u00a0\u00a0\u00a0\u00a0\u00a0\u00a0\u00a0\u00a0\u00a0\u00a0\u00a0\u00a0\u00a0\u00a0\u00a0\u00a0\u00a0\u00a0\u00a0\u00a0\u00a0\u00a0\u00a0\u00a0\u00a0\u00a0\u00a0\u00a0\u00a0\u00a0\u00a0\u00a0\u00a0\u00a0\u00a0\u00a0\u00a0\u00a0\u00a0\u00a0\u00a0\u00a0\u00a0\u00a0\u00a0\u00a0\u00a0\u00a0\u00a0\u00a0\u00a0\u00a0\u00a0\u00a0\u00a0\u00a0\u00a0\u00a0\u00a0\u00a0\u00a0\u00a0\u00a0\u00a0\u00a0\u00a0\u00a0\u00a0\u00a0\u00a0\u00a0\u00a0\u00a0\u00a0\u00a0\u00a0\u00a0\u00a0\u00a0\u00a0\u00a0\u00a0\u00a0\u00a0\u00a0\u00a0\u00a0\u00a0\u00a0\u00a0\u00a0\u00a0\u00a0\u00a0\u00a0\u00a0\u00a0\u00a0\u00a0\u00a0\u00a0\u00a0\u00a0\u00a0\u00a0\u00a0\u00a0\u00a0\u00a0\u00a0\u00a0\u00a0\u00a0\u00a0\u00a0\u00a0\u00a0\u00a0\u00a0\u00a0\u00a0\u00a0\u00a0\u00a0\u00a0\u00a0\u00a0\u00a0\u00a0\u00a0\u00a0\u00a0\u00a0\u00a0\u00a0\u00a0\u00a0\u00a0\u00a0\u00a0\u00a0\u00a0\u00a0\u00a0\u00a0\u00a0\u00a0\u00a0\u00a0\u00a0\u00a0\u00a0\u00a0\u00a0\u00a0\u00a0\u00a0\u00a0\u00a0\u00a0\u00a0\u00a0\u00a0\u00a0\u00a0\u00a0\u00a0\u00a0\u00a0\u00a0\u00a0\u00a0\u00a0\u00a0\u00a0\u00a0\u00a0\u00a0\u00a0\u00a0\u00a0\u00a0\u00a0\u00a0\u00a0\u00a0\u00a0\u00a0\u00a0\u00a0\u00a0\u00a0\u00a0\u00a0\u00a0\u00a0\u00a0\u00a0\u00a0\u00a0\u00a0\u00a0\u00a0\u00a0\u00a0\u00a0\u00a0\u00a0\u00a0\u00a0\u00a0\u00a0\u00a0\u00a0\u00a0\u00a0\u00a0\u00a0\u00a0\u00a0\u00a0\u00a0\u00a0\u00a0\u00a0\u00a0\u00a0\u00a0\u00a0\u00a0\u00a0\u00a0\u00a0\u00a0\u00a0\u00a0\u00a0\u00a0\u00a0\u00a0\u00a0\u00a0\u00a0\u00a0\u00a0\u00a0\u00a0\u00a0\u00a0\u00a0\u00a0\u00a0\u00a0\u00a0\u00a0\u00a0\u00a0\u00a0\u00a0\u00a0\u00a0\u00a0\u00a0\u00a0\u00a0\u00a0\u00a0\u00a0\u00a0\u00a0\u00a0\u00a0\u00a0\u00a0\u00a0\u00a0\u00a0\u00a0\u00a0\u00a0\u00a0\u00a0\u00a0\u00a0\u00a0\u00a0\u00a0\u00a0\u00a0\u00a0\u00a0\u00a0\u00a0\u00a0\u00a0\u00a0\u00a0\u00a0\u00a0\u00a0\u00a0\u00a0\u00a0\u00a0\u00a0\u00a0\u00a0\u00a0\u00a0\u00a0\u00a0\u00a0\u00a0\u00a0\u00a0\u00a0\u00a0\u00a0\u00a0\u00a0\u00a0\u00a0\u00a0\u00a0\u00a0\u00a0\u00a0\u00a0\u00a0\u00a0\u00a0\u00a0\u00a0\u00a0\u00a0\u00a0\u00a0\u00a0\u00a0\u00a0\u00a0\u00a0\u00a0\u00a0\u00a0\u00a0\u00a0\u00a0\u00a0\u00a0\u00a0\u00a0\u00a0\u00a0\u00a0\u00a0\u00a0\u00a0\u00a0\u00a0\u00a0\u00a0\u00a0\u00a0\u00a0\u00a0\u00a0\u00a0\u00a0\u00a0\u00a0\u00a0\u00a0\u00a0\u00a0\u00a0\u00a0\u00a0\u00a0\u00a0\u00a0\u00a0\u00a0\u00a0\u00a0\u00a0\u00a0\u00a0\u00a0\u00a0\u00a0\u00a0\u00a0\u00a0\u00a0\u00a0\u00a0\u00a0\u00a0\u00a0\u00a0\u00a0\u00a0\u00a0\u00a0\u00a0\u00a0\u00a0\u00a0\u00a0\u00a0\u00a0\u00a0\u00a0\u00a0\u00a0\u00a0\u00a0\u00a0\u00a0\u00a0\u00a0\u00a0\u00a0\u00a0\u00a0\u00a0\u00a0\u00a0\u00a0\u00a0\u00a0\u00a0\u00a0\u00a0\u00a0\u00a0\u00a0\u00a0\u00a0\u00a0\u00a0\u00a0\u00a0\u00a0\u00a0\u00a0\u00a0\u00a0\u00a0\u00a0\u00a0\u00a0\u00a0\u00a0\u00a0\u00a0\u00a0\u00a0\u00a0\u00a0\u00a0\u00a0\u00a0\u00a0\u00a0\u00a0\u00a0\u00a0\u00a0\u00a0\u00a0\u00a0\u00a0\u00a0\u00a0\u00a0\u00a0\u00a0\u00a0\u00a0\u00a0\u00a0\u00a0\u00a0\u00a0\u00a0\u00a0\u00a0\u00a0\u00a0\u00a0\u00a0\u00a0\u00a0\u00a0\u00a0\u00a0\u00a0\u00a0\u00a0\u00a0\u00a0\u00a0\u00a0\u00a0\u00a0\u00a0\u00a0\u00a0\u00a0\u00a0\u00a0\u00a0\u00a0\u00a0\u00a0\u00a0\u00a0\u00a0\u00a0\u00a0\u00a0\u00a0\u00a0\u00a0\u00a0\u00a0\u00a0\u00a0\u00a0\u00a0\u00a0\u00a0\u00a0\u00a0\u00a0\u00a0\u00a0\u00a0\u00a0\u00a0\u00a0\u00a0\u00a0\u00a0\u00a0\u00a0\u00a0\u00a0\u00a0\u00a0\u00a0\u00a0\u00a0\u00a0\u00a0\u00a0\u00a0\u00a0\u00a0\u00a0\u00a0\u00a0\u00a0\u00a0\u00a0\u00a0\u00a0\u00a0\u00a0\u00a0\u00a0\u00a0\u00a0\u00a0\u00a0\u00a0\u00a0\u00a0\u00a0\u00a0\u00a0\u00a0\u00a0\u00a0\u00a0\u00a0\u00a0\u00a0\u00a0\u00a0\u00a0\u00a0\u00a0\u00a0\u00a0\u00a0\u00a0\u00a0\u00a0\u00a0\u00a0\u00a0\u00a0\u00a0\u00a0\u00a0\u00a0\u00a0\u00a0\u00a0\u00a0\u00a0\u00a0\u00a0\u00a0\u00a0\u00a0\u00a0\u00a0\u00a0\u00a0\u00a0\u00a0\u00a0\u00a0\u00a0\u00a0\u00a0\u00a0\u00a0\u00a0\u00a0\u00a0\u00a0\u00a0\u00a0\u00a0\u00a0\u00a0\u00a0\u00a0\u00a0\u00a0\u00a0\u00a0\u00a0\u00a0\u00a0\u00a0\u00a0\u00a0\u00a0\u00a0\u00a0\u00a0\u00a0\u00a0\u00a0\u00a0\u00a0\u00a0\u00a0\u00a0\u00a0\u00a0\u00a0\u00a0\u00a0\u00a0\u00a0\u00a0\u00a0\u00a0\u00a0\u00a0\u00a0\u00a0\u00a0\u00a0\u00a0\u00a0\u00a0\u00a0\u00a0\u00a0\u00a0\u00a0\u00a0\u00a0\u00a0\u00a0\u00a0\u00a0\u00a0\u00a0\u00a0\u00a0\u00a0\u00a0\u00a0\u00a0\u00a0\u00a0\u00a0\u00a0\u00a0\u00a0\u00a0\u00a0\u00a0\u00a0\u00a0\u00a0\u00a0\u00a0\u00a0\u00a0\u00a0\u00a0\u00a0\u00a0\u00a0\u00a0\u00a0\u00a0\u00a0\u00a0\u00a0\u00a0\u00a0\u00a0\u00a0\u00a0\u00a0\u00a0\u00a0\u00a0\u00a0\u00a0\u00a0\u00a0\u00a0\u00a0\u00a0\u00a0\u00a0\u00a0\u00a0\u00a0\u00a0\u00a0\u00a0\u00a0\u00a0\u00a0\u00a0\u00a0\u00a0\u00a0\u00a0\u00a0\u00a0\u00a0\u00a0\u00a0\u00a0\u00a0\u00a0\u00a0\u00a0\u00a0\u00a0\u00a0\u00a0\u00a0\u00a0\u00a0\u00a0\u00a0\u00a0\u00a0\u00a0\u00a0\u00a0\u00a0\u00a0\u00a0\u00a0\u00a0\u00a0\u00a0\u00a0\u00a0\u00a0\u00a0\u00a0\u00a0\u00a0\u00a0\u00a0\u00a0\u00a0\u00a0\u00a0\u00a0\u00a0\u00a0\u00a0\u00a0\u00a0\u00a0\u00a0\u00a0\u00a0\u00a0\u00a0\u00a0\u00a0\u00a0\u00a0\u00a0\u00a0\u00a0\u00a0\u00a0\u00a0\u00a0\u00a0\u00a0\u00a0\u00a0\u00a0\u00a0\u00a0\u00a0\u00a0\u00a0\u00a0\u00a0\u00a0\u00a0\u00a0\u00a0\u00a0\u00a0\u00a0\u00a0\u00a0\u00a0\u00a0\u00a0\u00a0\u00a0\u00a0\u00a0\u00a0\u00a0\u00a0\u00a0\u00a0\u00a0\u00a0\u00a0\u00a0\u00a0\u00a0\u00a0\u00a0\u00a0\u00a0\u00a0\u00a0\u00a0\u00a0\u00a0\u00a0\u00a0\u00a0\u00a0\u00a0\u00a0\u00a0\u00a0\u00a0\u00a0\u00a0\u00a0\u00a0\u00a0\u00a0\u00a0\u00a0\u00a0\u00a0\u00a0\u00a0\u00a0\u00a0\u00a0\u00a0\u00a0\u00a0\u00a0\u00a0\u00a0\u00a0\u00a0\u00a0\u00a0\u00a0\u00a0\u00a0\u00a0\u00a0\u00a0\u00a0\u00a0\u00a0\u00a0\u00a0\u00a0\u00a0\u00a0\u00a0\u00a0\u00a0\u00a0\u00a0\u00a0\u00a0\u00a0\u00a0\u00a0\u00a0\u00a0\u00a0\u00a0\u00a0\u00a0\u00a0\u00a0\u00a0\u00a0\u00a0\u00a0\u00a0\u00a0\u00a0\u00a0\u00a0\u00a0\u00a0\u00a0\u00a0\u00a0\u00a0\u00a0\u00a0\u00a0\u00a0\u00a0\u00a0\u00a0\u00a0\u00a0\u00a0\u00a0\u00a0\u00a0\u00a0\u00a0\u00a0\u00a0\u00a0\u00a0\u00a0\u00a0\u00a0\u00a0\u00a0\u00a0\u00a0\u00a0\u00a0\u00a0\u00a0\u00a0\u00a0\u00a0\u00a0\u00a0\u00a0\u00a0\u00a0\u00a0\u00a0\u00a0\u00a0\u00a0\u00a0\u00a0\u00a0\u00a0\u00a0\u00a0\u00a0\u00a0\u00a0\u00a0\u00a0\u00a0\u00a0\u00a0\u00a0\u00a0\u00a0\u00a0\u00a0\u00a0\u00a0\u00a0\u00a0\u00a0\u00a0\u00a0\u00a0\u00a0\u00a0\u00a0\u00a0\u00a0\u00a0\u00a0\u00a0\u00a0\u00a0\u00a0\u00a0\u00a0\u00a0\u00a0\u00a0\u00a0\u00a0\u00a0\u00a0\u00a0\u00a0\u00a0\u00a0\u00a0\u00a0\u00a0\u00a0\u00a0\u00a0\u00a0\u00a0\u00a0\u00a0\u00a0\u00a0\u00a0\u00a0\u00a0\u00a0\u00a0\u00a0\u00a0\u00a0\u00a0\u00a0\u00a0\u00a0\u00a0\u00a0\u00a0\u00a0\u00a0\u00a0\u00a0\u00a0\u00a0\u00a0\u00a0\u00a0\u00a0\u00a0\u00a0\u00a0\u00a0\u00a0\u00a0\u00a0\u00a0\u00a0\u00a0\u00a0\u00a0\u00a0\u00a0\u00a0\u00a0\u00a0\u00a0\u00a0\u00a0\u00a0\u00a0\u00a0\u00a0\u00a0\u00a0\u00a0\u00a0\u00a0\u00a0\u00a0\u00a0\u00a0\u00a0\u00a0\u00a0\u00a0\u00a0\u00a0\u00a0\u00a0\u00a0\u00a0\u00a0\u00a0\u00a0\u00a0\u00a0\u00a0\u00a0\u00a0\u00a0\u00a0\u00a0\u00a0\u00a0\u00a0\u00a0\u00a0\u00a0\u00a0\u00a0\u00a0\u00a0\u00a0\u00a0\u00a0\u00a0\u00a0\u00a0\u00a0\u00a0\u00a0\u00a0\u00a0\u00a0\u00a0\u00a0\u00a0\u00a0\u00a0\u00a0\u00a0\u00a0\u00a0\u00a0\u00a0\u00a0\u00a0\u00a0\u00a0\u00a0\u00a0\u00a0\u00a0\u00a0\u00a0\u00a0\u00a0\u00a0\u00a0\u00a0\u00a0\u00a0\u00a0\u00a0\u00a0\u00a0\u00a0\u00a0\u00a0\u00a0\u00a0\u00a0\u00a0\u00a0\u00a0\u00a0\u00a0\u00a0\u00a0\u00a0\u00a0\u00a0\u00a0\u00a0\u00a0\u00a0\u00a0\u00a0\u00a0\u00a0\u00a0\u00a0\u00a0\u00a0\u00a0\u00a0\u00a0\u00a0\u00a0\u00a0\u00a0\u00a0\u00a0\u00a0\u00a0\u00a0\u00a0\u00a0\u00a0\u00a0\u00a0\u00a0\u00a0\u00a0\u00a0\u00a0\u00a0\u00a0\u00a0\u00a0\u00a0\u00a0\u00a0\u00a0\u00a0\u00a0\u00a0\u00a0\u00a0\u00a0\u00a0\u00a0\u00a0\u00a0Sentencia \u00a0 T-009\/18 \u00a0 \u00a0 RESGUARDO INDIGENA WAYUU DE LOMAMATO-Conformaci\u00f3n, \u00a0 usos y costumbres \u00a0 \u00a0 AUTONOMIA POLITICA DE COMUNIDAD INDIGENA-Conflicto \u00a0 de representatividad al interior del resguardo ind\u00edgena de Lomamato \u00a0 \u00a0 COSA JUZGADA CONSTITUCIONAL-Contenido y alcance \u00a0 \u00a0 COSA JUZGADA CONSTITUCIONAL EN TUTELA-Configuraci\u00f3n \u00a0 \u00a0 La jurisprudencia constitucional ha se\u00f1alado que el juez, con el fin de \u00a0 arribar a la conclusi\u00f3n de que una demanda de tutela vulnera el principio de \u00a0 cosa juzgada, debe verificar que concurran las siguientes tres hip\u00f3tesis: \u201c(i) que ...<br \/><div class=\"pt-cv-rmwrap\"><a href=\"https:\/\/www.dmsjuridica.com\/buscador_20179478954\/corteconstitucionalcronologico202454587\/t-009-18\/\" class=\"_self pt-cv-readmore btn btn-success\" target=\"_self\">Ver Sentencia Completa...<\/a><\/div><\/div><\/div><\/div>\n<div class=\"col-md-12 col-sm-12 col-xs-12 pt-cv-content-item pt-cv-1-col\" ><div class='pt-cv-ifield'><a href=\"https:\/\/www.dmsjuridica.com\/buscador_20179478954\/corteconstitucionalcronologico202454587\/t-008-18\/\" class=\"_self pt-cv-href-thumbnail pt-cv-thumb-default\" target=\"_self\" ><\/a>\n<div class=\"pt-cv-taxoterm above_title\"><a href='https:\/\/www.dmsjuridica.com\/buscador_20179478954\/corteconstitucionalcronologico202454587\/category\/buscar-en-toda-la-corte\/2018\/tutelas-2018\/' title='Tutelas 2018' class='pt-cv-tax-tutelas-2018'>Tutelas 2018<\/a><\/div>\n<h4 class=\"pt-cv-title\"><a href=\"https:\/\/www.dmsjuridica.com\/buscador_20179478954\/corteconstitucionalcronologico202454587\/t-008-18\/\" class=\"_self\" target=\"_self\" >T-008-18<\/a><\/h4>\n<div class=\"pt-cv-content\">Sentencia T-008\/18 \u00a0 \u00a0 RECONOCIMIENTO Y PAGO DE INCAPACIDADES LABORALES-Procedencia excepcional de la acci\u00f3n de tutela \u00a0 \u00a0 El mecanismo id\u00f3neo para solucionar las \u00a0 controversias sobre el reconocimiento y pago de incapacidades que puedan \u00a0 presentarse entre un afiliado y las entidades del Sistema de Seguridad Social \u00a0 Integral o su empleador, corresponde a la justicia ordinaria. Sin embargo, cuando el pago de incapacidades laborales constituye \u00a0 el \u00fanico medio para la satisfacci\u00f3n de necesidades b\u00e1sicas, la acci\u00f3n de tutela \u00a0 tambi\u00e9n se convierte en mecanismo id\u00f3neo para la protecci\u00f3n del derecho \u00a0 fundamental al m\u00ednimo vital. En s\u00edntesis, ...<br \/><div class=\"pt-cv-rmwrap\"><a href=\"https:\/\/www.dmsjuridica.com\/buscador_20179478954\/corteconstitucionalcronologico202454587\/t-008-18\/\" class=\"_self pt-cv-readmore btn btn-success\" target=\"_self\">Ver Sentencia Completa...<\/a><\/div><\/div><\/div><\/div>\n<div class=\"col-md-12 col-sm-12 col-xs-12 pt-cv-content-item pt-cv-1-col\" ><div class='pt-cv-ifield'><a href=\"https:\/\/www.dmsjuridica.com\/buscador_20179478954\/corteconstitucionalcronologico202454587\/t-006-18\/\" class=\"_self pt-cv-href-thumbnail pt-cv-thumb-default\" target=\"_self\" ><\/a>\n<div class=\"pt-cv-taxoterm above_title\"><a href='https:\/\/www.dmsjuridica.com\/buscador_20179478954\/corteconstitucionalcronologico202454587\/category\/buscar-en-toda-la-corte\/2018\/tutelas-2018\/' title='Tutelas 2018' class='pt-cv-tax-tutelas-2018'>Tutelas 2018<\/a><\/div>\n<h4 class=\"pt-cv-title\"><a href=\"https:\/\/www.dmsjuridica.com\/buscador_20179478954\/corteconstitucionalcronologico202454587\/t-006-18\/\" class=\"_self\" target=\"_self\" >T-006-18<\/a><\/h4>\n<div class=\"pt-cv-content\">\u00a0 \u00a0 \u00a0 \u00a0 \u00a0T-006-18 \u00a0 \u00a0 \u00a0 \u00a0 \u00a0 \u00a0\u00a0 Sentencia T-006\/18 \u00a0 \u00a0 ACCION DE TUTELA CONTRA PROVIDENCIAS JUDICIALES-Procedencia excepcional \u00a0 \u00a0 ACCION DE TUTELA CONTRA PROVIDENCIAS JUDICIALES-Requisitos generales y especiales de \u00a0 procedibilidad\u00a0 \u00a0 \u00a0 CARACTERIZACION DEL DEFECTO FACTICO COMO CAUSAL \u00a0 ESPECIFICA DE PROCEDIBILIDAD DE LA ACCION DE TUTELA CONTRA PROVIDENCIAS \u00a0 JUDICIALES \u00a0 \u00a0 Este tipo de defecto se presenta en las providencias \u00a0 judiciales cuando el fallador toma una decisi\u00f3n la cual no tiene sustento \u00a0 probatorio, o la misma no tuvo en cuenta la totalidad del material que fue \u00a0 allegado en la ...<br \/><div class=\"pt-cv-rmwrap\"><a href=\"https:\/\/www.dmsjuridica.com\/buscador_20179478954\/corteconstitucionalcronologico202454587\/t-006-18\/\" class=\"_self pt-cv-readmore btn btn-success\" target=\"_self\">Ver Sentencia Completa...<\/a><\/div><\/div><\/div><\/div>\n<div class=\"col-md-12 col-sm-12 col-xs-12 pt-cv-content-item pt-cv-1-col\" ><div class='pt-cv-ifield'><a href=\"https:\/\/www.dmsjuridica.com\/buscador_20179478954\/corteconstitucionalcronologico202454587\/t-005-18\/\" class=\"_self pt-cv-href-thumbnail pt-cv-thumb-default\" target=\"_self\" ><\/a>\n<div class=\"pt-cv-taxoterm above_title\"><a href='https:\/\/www.dmsjuridica.com\/buscador_20179478954\/corteconstitucionalcronologico202454587\/category\/buscar-en-toda-la-corte\/2018\/tutelas-2018\/' title='Tutelas 2018' class='pt-cv-tax-tutelas-2018'>Tutelas 2018<\/a><\/div>\n<h4 class=\"pt-cv-title\"><a href=\"https:\/\/www.dmsjuridica.com\/buscador_20179478954\/corteconstitucionalcronologico202454587\/t-005-18\/\" class=\"_self\" target=\"_self\" >T-005-18<\/a><\/h4>\n<div class=\"pt-cv-content\">\u00a0 \u00a0 \u00a0 \u00a0 \u00a0T-005-18 \u00a0 \u00a0 \u00a0 \u00a0 \u00a0 \u00a0\u00a0 Sentencia T-005\/18 \u00a0 \u00a0 PREVALENCIA DE LOS DERECHOS DE LOS NI\u00d1OS, NI\u00d1AS Y ADOLESCENTES COMO \u00a0 EXPRESION DEL INTERES SUPERIOR DEL MENOR-Caso en que instituci\u00f3n \u00a0 educativa activ\u00f3 Ruta de Atenci\u00f3n Integral con la finalidad de indagar por \u00a0 posibles hechos ocurridos en el \u00e1mbito familiar de ni\u00f1a que podr\u00edan ser \u00a0 indicativos de presunto abuso sexual \u00a0 \u00a0 LEGITIMACION POR ACTIVA EN TUTELA-Persona \u00a0 natural que act\u00faa en defensa de sus propios intereses \u00a0 \u00a0 LEGITIMACION POR ACTIVA EN TUTELA-Madre en \u00a0 representaci\u00f3n de hija menor de edad ...<br \/><div class=\"pt-cv-rmwrap\"><a href=\"https:\/\/www.dmsjuridica.com\/buscador_20179478954\/corteconstitucionalcronologico202454587\/t-005-18\/\" class=\"_self pt-cv-readmore btn btn-success\" target=\"_self\">Ver Sentencia Completa...<\/a><\/div><\/div><\/div><\/div>\n<div class=\"col-md-12 col-sm-12 col-xs-12 pt-cv-content-item pt-cv-1-col\" ><div class='pt-cv-ifield'><a href=\"https:\/\/www.dmsjuridica.com\/buscador_20179478954\/corteconstitucionalcronologico202454587\/t-004-18\/\" class=\"_self pt-cv-href-thumbnail pt-cv-thumb-default\" target=\"_self\" ><\/a>\n<div class=\"pt-cv-taxoterm above_title\"><a href='https:\/\/www.dmsjuridica.com\/buscador_20179478954\/corteconstitucionalcronologico202454587\/category\/buscar-en-toda-la-corte\/2018\/tutelas-2018\/' title='Tutelas 2018' class='pt-cv-tax-tutelas-2018'>Tutelas 2018<\/a><\/div>\n<h4 class=\"pt-cv-title\"><a href=\"https:\/\/www.dmsjuridica.com\/buscador_20179478954\/corteconstitucionalcronologico202454587\/t-004-18\/\" class=\"_self\" target=\"_self\" >T-004-18<\/a><\/h4>\n<div class=\"pt-cv-content\">\u00a0 \u00a0 \u00a0 \u00a0 \u00a0T-004-18 \u00a0 \u00a0 \u00a0 \u00a0 \u00a0 \u00a0\u00a0 Sentencia \u00a0 T-004\/18 \u00a0 \u00a0 ACCION DE TUTELA DE POBLACION EN SITUACION DE \u00a0 DESPLAZAMIENTO FORZADO-Mecanismo judicial id\u00f3neo para amparar los \u00a0 derechos fundamentales \u00a0 \u00a0 En reiterada jurisprudencia esta Corporaci\u00f3n ha sostenido que pese a existir \u00a0 otros medios de defensa judicial para proteger a la poblaci\u00f3n\u00a0en situaci\u00f3n de \u00a0 desplazamiento forzado, los mismos\u00a0resultan \u00a0 insuficientes para brindar protecci\u00f3n eficaz ante las circunstancias de urgencia \u00a0 y apremio que enfrenta esta poblaci\u00f3n. Adem\u00e1s,\u00a0resultar\u00eda desproporcionado \u00a0 exigir a las personas desplazadas el agotamiento previo de los recursos \u00a0 judiciales ...<br \/><div class=\"pt-cv-rmwrap\"><a href=\"https:\/\/www.dmsjuridica.com\/buscador_20179478954\/corteconstitucionalcronologico202454587\/t-004-18\/\" class=\"_self pt-cv-readmore btn btn-success\" target=\"_self\">Ver Sentencia Completa...<\/a><\/div><\/div><\/div><\/div>\n<div class=\"col-md-12 col-sm-12 col-xs-12 pt-cv-content-item pt-cv-1-col\" ><div class='pt-cv-ifield'><a href=\"https:\/\/www.dmsjuridica.com\/buscador_20179478954\/corteconstitucionalcronologico202454587\/t-003-18\/\" class=\"_self pt-cv-href-thumbnail pt-cv-thumb-default\" target=\"_self\" ><\/a>\n<div class=\"pt-cv-taxoterm above_title\"><a href='https:\/\/www.dmsjuridica.com\/buscador_20179478954\/corteconstitucionalcronologico202454587\/category\/buscar-en-toda-la-corte\/2018\/tutelas-2018\/' title='Tutelas 2018' class='pt-cv-tax-tutelas-2018'>Tutelas 2018<\/a><\/div>\n<h4 class=\"pt-cv-title\"><a href=\"https:\/\/www.dmsjuridica.com\/buscador_20179478954\/corteconstitucionalcronologico202454587\/t-003-18\/\" class=\"_self\" target=\"_self\" >T-003-18<\/a><\/h4>\n<div class=\"pt-cv-content\">\u00a0 \u00a0 \u00a0 \u00a0 \u00a0T-003-18 \u00a0 \u00a0 \u00a0 \u00a0 \u00a0 \u00a0\u00a0 Sentencia T-003\/18 \u00a0 \u00a0 LEGITIMACION POR ACTIVA EN TUTELA-Persona natural que act\u00faa a trav\u00e9s de apoderado en \u00a0 defensa de sus propios intereses \u00a0 \u00a0 LEGITIMACION POR PASIVA EN TUTELA-Entidad \u00a0 p\u00fablica \u00a0 \u00a0 ACTO ADMINISTRATIVO DE EJECUCION-Procedencia de la acci\u00f3n de tutela \u00a0 \u00a0 Seg\u00fan la jurisprudencia del Consejo de Estado, los actos administrativos de \u00a0 ejecuci\u00f3n no son susceptibles de control en sede contencioso administrativa,\u00a0ya \u00a0 que no\u00a0\u201centra\u00f1an la manifestaci\u00f3n de la voluntad de la administraci\u00f3n sino que, \u00a0 por el contrario, se limitan a materializar o, ...<br \/><div class=\"pt-cv-rmwrap\"><a href=\"https:\/\/www.dmsjuridica.com\/buscador_20179478954\/corteconstitucionalcronologico202454587\/t-003-18\/\" class=\"_self pt-cv-readmore btn btn-success\" target=\"_self\">Ver Sentencia Completa...<\/a><\/div><\/div><\/div><\/div>\n<div class=\"col-md-12 col-sm-12 col-xs-12 pt-cv-content-item pt-cv-1-col\" ><div class='pt-cv-ifield'><a href=\"https:\/\/www.dmsjuridica.com\/buscador_20179478954\/corteconstitucionalcronologico202454587\/t-002-18\/\" class=\"_self pt-cv-href-thumbnail pt-cv-thumb-default\" target=\"_self\" ><\/a>\n<div class=\"pt-cv-taxoterm above_title\"><a href='https:\/\/www.dmsjuridica.com\/buscador_20179478954\/corteconstitucionalcronologico202454587\/category\/buscar-en-toda-la-corte\/2018\/tutelas-2018\/' title='Tutelas 2018' class='pt-cv-tax-tutelas-2018'>Tutelas 2018<\/a><\/div>\n<h4 class=\"pt-cv-title\"><a href=\"https:\/\/www.dmsjuridica.com\/buscador_20179478954\/corteconstitucionalcronologico202454587\/t-002-18\/\" class=\"_self\" target=\"_self\" >T-002-18<\/a><\/h4>\n<div class=\"pt-cv-content\">\u00a0 \u00a0 \u00a0 \u00a0 \u00a0T-002-18 \u00a0 \u00a0 \u00a0 \u00a0 \u00a0 \u00a0\u00a0 Sentencia T-002\/18 \u00a0 \u00a0 DERECHO A LA VISITA INTIMA DE PERSONA \u00a0 PRIVADA DE LA LIBERTAD-Entre quienes se encuentran en centro \u00a0 de reclusi\u00f3n y cuentan con pareja con detenci\u00f3n domiciliaria \u00a0 \u00a0 VISITA CONYUGAL-Expresi\u00f3n implica regresividad en la progresi\u00f3n de los \u00a0 derechos \u00a0 \u00a0 La denominaci\u00f3n \u201cvisita conyugal\u201d, sin embargo, \u00a0 implica una regresividad en la progresi\u00f3n de los derechos, en tanto la \u00a0 utilizaci\u00f3n de tal expresi\u00f3n, de acuerdo con la misma ex\u00e9gesis de su \u00a0 composici\u00f3n, denota la relaci\u00f3n jur\u00eddica que prima entre los part\u00edcipes ...<br \/><div class=\"pt-cv-rmwrap\"><a href=\"https:\/\/www.dmsjuridica.com\/buscador_20179478954\/corteconstitucionalcronologico202454587\/t-002-18\/\" class=\"_self pt-cv-readmore btn btn-success\" target=\"_self\">Ver Sentencia Completa...<\/a><\/div><\/div><\/div><\/div>\n<div class=\"col-md-12 col-sm-12 col-xs-12 pt-cv-content-item pt-cv-1-col\" ><div class='pt-cv-ifield'><a href=\"https:\/\/www.dmsjuridica.com\/buscador_20179478954\/corteconstitucionalcronologico202454587\/t-001-18\/\" class=\"_self pt-cv-href-thumbnail pt-cv-thumb-default\" target=\"_self\" ><\/a>\n<div class=\"pt-cv-taxoterm above_title\"><a href='https:\/\/www.dmsjuridica.com\/buscador_20179478954\/corteconstitucionalcronologico202454587\/category\/buscar-en-toda-la-corte\/2018\/tutelas-2018\/' title='Tutelas 2018' class='pt-cv-tax-tutelas-2018'>Tutelas 2018<\/a><\/div>\n<h4 class=\"pt-cv-title\"><a href=\"https:\/\/www.dmsjuridica.com\/buscador_20179478954\/corteconstitucionalcronologico202454587\/t-001-18\/\" class=\"_self\" target=\"_self\" >T-001-18<\/a><\/h4>\n<div class=\"pt-cv-content\">\u00a0 \u00a0 \u00a0 \u00a0 \u00a0T-001-18 \u00a0 \u00a0 \u00a0 \u00a0 \u00a0 \u00a0\u00a0 Sentencia T-001\/18 \u00a0 \u00a0 DERECHO A LA SALUD-Caso en que \u00a0 EPS niega suministro de medicamento bajo el argumento que el mismo no cuenta con la \u00a0 aprobaci\u00f3n del INVIMA para el tratamiento de la patolog\u00eda que padece el \u00a0 accionante \u00a0 \u00a0 LEY 1122\/07-Confiri\u00f3 a Superintendencia Nacional de Salud facultades \u00a0 jurisdiccionales para adelantar procedimientos que resuelvan controversias entre \u00a0 entidades promotoras de salud y usuarios\u00a0 \u00a0 \u00a0 PRINCIPIO DE SUBSIDIARIEDAD COMO REQUISITO DE \u00a0 PROCEDIBILIDAD DE LA ACCION DE TUTELA-Procedencia \u00a0 por cuanto autorizaci\u00f3n de segundos usos ...<br \/><div class=\"pt-cv-rmwrap\"><a href=\"https:\/\/www.dmsjuridica.com\/buscador_20179478954\/corteconstitucionalcronologico202454587\/t-001-18\/\" class=\"_self pt-cv-readmore btn btn-success\" target=\"_self\">Ver Sentencia Completa...<\/a><\/div><\/div><\/div><\/div><\/div><\/div><\/div>\n","protected":false},"excerpt":{"rendered":"","protected":false},"author":1,"featured_media":0,"parent":0,"menu_order":0,"comment_status":"closed","ping_status":"closed","template":"","meta":{"footnotes":""},"class_list":["post-29618","page","type-page","status-publish","hentry"],"_links":{"self":[{"href":"https:\/\/www.dmsjuridica.com\/buscador_20179478954\/corteconstitucionalcronologico202454587\/wp-json\/wp\/v2\/pages\/29618","targetHints":{"allow":["GET"]}}],"collection":[{"href":"https:\/\/www.dmsjuridica.com\/buscador_20179478954\/corteconstitucionalcronologico202454587\/wp-json\/wp\/v2\/pages"}],"about":[{"href":"https:\/\/www.dmsjuridica.com\/buscador_20179478954\/corteconstitucionalcronologico202454587\/wp-json\/wp\/v2\/types\/page"}],"author":[{"embeddable":true,"href":"https:\/\/www.dmsjuridica.com\/buscador_20179478954\/corteconstitucionalcronologico202454587\/wp-json\/wp\/v2\/users\/1"}],"replies":[{"embeddable":true,"href":"https:\/\/www.dmsjuridica.com\/buscador_20179478954\/corteconstitucionalcronologico202454587\/wp-json\/wp\/v2\/comments?post=29618"}],"version-history":[{"count":2,"href":"https:\/\/www.dmsjuridica.com\/buscador_20179478954\/corteconstitucionalcronologico202454587\/wp-json\/wp\/v2\/pages\/29618\/revisions"}],"predecessor-version":[{"id":31419,"href":"https:\/\/www.dmsjuridica.com\/buscador_20179478954\/corteconstitucionalcronologico202454587\/wp-json\/wp\/v2\/pages\/29618\/revisions\/31419"}],"wp:attachment":[{"href":"https:\/\/www.dmsjuridica.com\/buscador_20179478954\/corteconstitucionalcronologico202454587\/wp-json\/wp\/v2\/media?parent=29618"}],"curies":[{"name":"wp","href":"https:\/\/api.w.org\/{rel}","templated":true}]}}