{"id":29678,"date":"2024-07-16T11:22:00","date_gmt":"2024-07-16T16:22:00","guid":{"rendered":"https:\/\/www.dmsjuridica.com\/buscador_20179478954\/corteconstitucionalcronologico202454587\/?page_id=29678"},"modified":"2024-07-16T11:22:00","modified_gmt":"2024-07-16T16:22:00","slug":"su-2000","status":"publish","type":"page","link":"https:\/\/www.dmsjuridica.com\/buscador_20179478954\/corteconstitucionalcronologico202454587\/su-2000\/","title":{"rendered":"SU 2000"},"content":{"rendered":"<div class=\"pt-cv-wrapper\"><div class=\"pt-cv-view pt-cv-grid pt-cv-colsys\" id=\"pt-cv-view-b7223ae7sg\"><div data-id=\"pt-cv-page-1\" class=\"pt-cv-page\" data-cvc=\"1\"><div class=\"col-md-12 col-sm-12 col-xs-12 pt-cv-content-item pt-cv-1-col\" ><div class='pt-cv-ifield'><a href=\"https:\/\/www.dmsjuridica.com\/buscador_20179478954\/corteconstitucionalcronologico202454587\/su998-00\/\" class=\"_self pt-cv-href-thumbnail pt-cv-thumb-default\" target=\"_self\" ><\/a>\n<div class=\"pt-cv-taxoterm above_title\"><a href='https:\/\/www.dmsjuridica.com\/buscador_20179478954\/corteconstitucionalcronologico202454587\/category\/buscar-en-toda-la-corte\/2000\/sentencias-de-unificacion-2000\/' title='Sentencias de Unificaci\u00f3n 2000' class='pt-cv-tax-sentencias-de-unificacion-2000'>Sentencias de Unificaci\u00f3n 2000<\/a><\/div>\n<h4 class=\"pt-cv-title\"><a href=\"https:\/\/www.dmsjuridica.com\/buscador_20179478954\/corteconstitucionalcronologico202454587\/su998-00\/\" class=\"_self\" target=\"_self\" >SU998-00<\/a><\/h4>\n<div class=\"pt-cv-content\">\u00a0 \u00a0 Sentencia SU.998\/00 \u00a0 TERMINACION UNILATERAL DE CONTRATO DE TRABAJO-Facultad de empleador no es absoluta \u00a0 DERECHO DE ASOCIACION SINDICAL-Fundamental \u00a0 DERECHO DE ASOCIACION SINDICAL-Despido colectivo de trabajadores afecta Convenios de la OIT \u00a0 Referencia: expedientes T- 275957, 282429, 284326, 284732, 289877\u00a0 \u00a0 Acci\u00f3n de tutela instaurada por Ana Isabel Forero Maldonado y otros contra La Previsora S.A. \u00a0 Procedente de: Consejo Seccional de la Judicatura de Cundinamarca y otros. \u00a0 Magistrado Ponente:\u00a0 \u00a0 Dr. ALEJANDRO MART\u00cdNEZ CABALLERO \u00a0 Santa Fe de Bogot\u00e1 D.C., dos (2) de agosto del dos mil (2000). \u00a0 La Sala Plena de la Corte ...<br \/><div class=\"pt-cv-rmwrap\"><a href=\"https:\/\/www.dmsjuridica.com\/buscador_20179478954\/corteconstitucionalcronologico202454587\/su998-00\/\" class=\"_self pt-cv-readmore btn btn-success\" target=\"_self\">Ver Sentencia Completa...<\/a><\/div><\/div><\/div><\/div>\n<div class=\"col-md-12 col-sm-12 col-xs-12 pt-cv-content-item pt-cv-1-col\" ><div class='pt-cv-ifield'><a href=\"https:\/\/www.dmsjuridica.com\/buscador_20179478954\/corteconstitucionalcronologico202454587\/su879-00\/\" class=\"_self pt-cv-href-thumbnail pt-cv-thumb-default\" target=\"_self\" ><\/a>\n<div class=\"pt-cv-taxoterm above_title\"><a href='https:\/\/www.dmsjuridica.com\/buscador_20179478954\/corteconstitucionalcronologico202454587\/category\/buscar-en-toda-la-corte\/2000\/sentencias-de-unificacion-2000\/' title='Sentencias de Unificaci\u00f3n 2000' class='pt-cv-tax-sentencias-de-unificacion-2000'>Sentencias de Unificaci\u00f3n 2000<\/a><\/div>\n<h4 class=\"pt-cv-title\"><a href=\"https:\/\/www.dmsjuridica.com\/buscador_20179478954\/corteconstitucionalcronologico202454587\/su879-00\/\" class=\"_self\" target=\"_self\" >SU879-00<\/a><\/h4>\n<div class=\"pt-cv-content\">\u00a0 \u00a0 \u00a0 \u00a0 Sentencia SU.879\/00 \u00a0 ACCION DE TUTELA-Subsidiariedad \u00a0 ACCION DE TUTELA-Improcedencia general sobre controversias laborales \u00a0 JURISDICCION DEL TRABAJO-Conflictos por raz\u00f3n del fuero sindical de empleados p\u00fablicos \u00a0 ACCION DE REINTEGRO-Despido de trabajador amparado por fuero sindical \u00a0 ESTABILIDAD LABORAL REFORZADA DE MUJER EMBARAZADA-Elementos f\u00e1cticos que deben demostrarse \u00a0 PERJUICIO IRREMEDIABLE-Elementos \u00a0 PERJUICIO IRREMEDIABLE-Inexistencia por pago de indemnizaci\u00f3n\/TRABAJADORES DE LA CAJA AGRARIA-Pago de indemnizaci\u00f3n por despido \u00a0 El pago de la indemnizaci\u00f3n en principio excluye la posibilidad de conceder la presente acci\u00f3n como mecanismo transitorio, por cuanto el posible perjuicio irremediable que hubiera podido irrogar el despido ...<br \/><div class=\"pt-cv-rmwrap\"><a href=\"https:\/\/www.dmsjuridica.com\/buscador_20179478954\/corteconstitucionalcronologico202454587\/su879-00\/\" class=\"_self pt-cv-readmore btn btn-success\" target=\"_self\">Ver Sentencia Completa...<\/a><\/div><\/div><\/div><\/div>\n<div class=\"col-md-12 col-sm-12 col-xs-12 pt-cv-content-item pt-cv-1-col\" ><div class='pt-cv-ifield'><a href=\"https:\/\/www.dmsjuridica.com\/buscador_20179478954\/corteconstitucionalcronologico202454587\/su846-00\/\" class=\"_self pt-cv-href-thumbnail pt-cv-thumb-default\" target=\"_self\" ><\/a>\n<div class=\"pt-cv-taxoterm above_title\"><a href='https:\/\/www.dmsjuridica.com\/buscador_20179478954\/corteconstitucionalcronologico202454587\/category\/buscar-en-toda-la-corte\/2000\/sentencias-de-unificacion-2000\/' title='Sentencias de Unificaci\u00f3n 2000' class='pt-cv-tax-sentencias-de-unificacion-2000'>Sentencias de Unificaci\u00f3n 2000<\/a><\/div>\n<h4 class=\"pt-cv-title\"><a href=\"https:\/\/www.dmsjuridica.com\/buscador_20179478954\/corteconstitucionalcronologico202454587\/su846-00\/\" class=\"_self\" target=\"_self\" >SU846-00<\/a><\/h4>\n<div class=\"pt-cv-content\">\u00a0 \u00a0 Sentencia SU.846\/00 \u00a0 UPAC-Determinaci\u00f3n del valor no podr\u00e1 reflejar movimientos de la tasa de inter\u00e9s en la econom\u00eda \u00a0 CONTRATO DE MUTUO CON GARANTIA HIPOTECARIA-Contratos dirigidos por restringir autonom\u00eda de la voluntad \u00a0 El otorgamiento y la aceptaci\u00f3n de cr\u00e9ditos por las entidades financieras para la adquisici\u00f3n y conservaci\u00f3n de vivienda, mediante contratos de mutuo con garant\u00eda hipotecaria, no se rigen de manera absoluta por el principio de la autonom\u00eda de la voluntad sin limitaci\u00f3n alguna, sino que ellos son contratos que han de obedecer a la intervenci\u00f3n del Estado, esto es, que son contratos de los que ...<br \/><div class=\"pt-cv-rmwrap\"><a href=\"https:\/\/www.dmsjuridica.com\/buscador_20179478954\/corteconstitucionalcronologico202454587\/su846-00\/\" class=\"_self pt-cv-readmore btn btn-success\" target=\"_self\">Ver Sentencia Completa...<\/a><\/div><\/div><\/div><\/div>\n<div class=\"col-md-12 col-sm-12 col-xs-12 pt-cv-content-item pt-cv-1-col\" ><div class='pt-cv-ifield'><a href=\"https:\/\/www.dmsjuridica.com\/buscador_20179478954\/corteconstitucionalcronologico202454587\/su1723-00\/\" class=\"_self pt-cv-href-thumbnail pt-cv-thumb-default\" target=\"_self\" ><\/a>\n<div class=\"pt-cv-taxoterm above_title\"><a href='https:\/\/www.dmsjuridica.com\/buscador_20179478954\/corteconstitucionalcronologico202454587\/category\/buscar-en-toda-la-corte\/2000\/sentencias-de-unificacion-2000\/' title='Sentencias de Unificaci\u00f3n 2000' class='pt-cv-tax-sentencias-de-unificacion-2000'>Sentencias de Unificaci\u00f3n 2000<\/a><\/div>\n<h4 class=\"pt-cv-title\"><a href=\"https:\/\/www.dmsjuridica.com\/buscador_20179478954\/corteconstitucionalcronologico202454587\/su1723-00\/\" class=\"_self\" target=\"_self\" >SU1723-00<\/a><\/h4>\n<div class=\"pt-cv-content\">\u00a0 \u00a0 Sentencia SU.1723\/00 \u00a0 \u00a0 ACCION DE TUTELA CONTRA PARTICULARES-Indefensi\u00f3n \u00a0 DERECHO A LA INTIMIDAD Y AL BUEN NOMBRE-Vulneraci\u00f3n \u00a0 LIBERTAD DE INFORMACION-Alcance\/DERECHO A LA INFORMACION-Es de doble v\u00eda \u00a0 Ha entendido la Corte que la libertad de informaci\u00f3n comporta un doble sentido: tiene que ver, por un lado, con el derecho subjetivo de la persona para difundir una informaci\u00f3n sin verse sometido a una coacci\u00f3n externa desproporcionada y, por el otro, con el derecho en cabeza del receptor, para recibir informaci\u00f3n veraz, oportuna e imparcial. Se reafirma as\u00ed la responsabilidad social asignada a quien hace uso de este ...<br \/><div class=\"pt-cv-rmwrap\"><a href=\"https:\/\/www.dmsjuridica.com\/buscador_20179478954\/corteconstitucionalcronologico202454587\/su1723-00\/\" class=\"_self pt-cv-readmore btn btn-success\" target=\"_self\">Ver Sentencia Completa...<\/a><\/div><\/div><\/div><\/div>\n<div class=\"col-md-12 col-sm-12 col-xs-12 pt-cv-content-item pt-cv-1-col\" ><div class='pt-cv-ifield'><a href=\"https:\/\/www.dmsjuridica.com\/buscador_20179478954\/corteconstitucionalcronologico202454587\/su1722-00\/\" class=\"_self pt-cv-href-thumbnail pt-cv-thumb-default\" target=\"_self\" ><\/a>\n<div class=\"pt-cv-taxoterm above_title\"><a href='https:\/\/www.dmsjuridica.com\/buscador_20179478954\/corteconstitucionalcronologico202454587\/category\/buscar-en-toda-la-corte\/2000\/sentencias-de-unificacion-2000\/' title='Sentencias de Unificaci\u00f3n 2000' class='pt-cv-tax-sentencias-de-unificacion-2000'>Sentencias de Unificaci\u00f3n 2000<\/a><\/div>\n<h4 class=\"pt-cv-title\"><a href=\"https:\/\/www.dmsjuridica.com\/buscador_20179478954\/corteconstitucionalcronologico202454587\/su1722-00\/\" class=\"_self\" target=\"_self\" >SU1722-00<\/a><\/h4>\n<div class=\"pt-cv-content\">\u00a0 \u00a0 Sentencia SU.1722\/00 \u00a0 VIA DE HECHO-Clases de defectos en la actuaci\u00f3n \u00a0 PRINCIPIO DE LEGALIDAD PENAL-Alcance \u00a0 PRINCIPIO NO REFORMATIO IN PEJUS-Alcance \u00a0 LEGALIDAD DE LAS DECISIONES JUDICIALES \u00a0 PREVALENCIA DEL PRINCIPIO NO REFORMATIO IN PEJUS SOBRE EL PRINCIPIO DE LEGALIDAD \u00a0 PRINCIPIO DE FAVORABILIDAD PENAL-Vulneraci\u00f3n\/VIA DE HECHO EN PROCESO PENAL-No aplicaci\u00f3n de norma vigente m\u00e1s favorable al momento de comisi\u00f3n del delito \u00a0 PRINCIPIO NO REFORMATIO IN PEJUS-Operancia en grado de consulta \u00a0 Referencia: expedientes T-343103 y T-344192 \u00a0 Peticionarios: \u00a0 Giovanny Rond\u00f3n Fern\u00e1ndez contra la Sala de Casaci\u00f3n Penal de la Corte Suprema de Justicia y ...<br \/><div class=\"pt-cv-rmwrap\"><a href=\"https:\/\/www.dmsjuridica.com\/buscador_20179478954\/corteconstitucionalcronologico202454587\/su1722-00\/\" class=\"_self pt-cv-readmore btn btn-success\" target=\"_self\">Ver Sentencia Completa...<\/a><\/div><\/div><\/div><\/div>\n<div class=\"col-md-12 col-sm-12 col-xs-12 pt-cv-content-item pt-cv-1-col\" ><div class='pt-cv-ifield'><a href=\"https:\/\/www.dmsjuridica.com\/buscador_20179478954\/corteconstitucionalcronologico202454587\/su1721-00\/\" class=\"_self pt-cv-href-thumbnail pt-cv-thumb-default\" target=\"_self\" ><\/a>\n<div class=\"pt-cv-taxoterm above_title\"><a href='https:\/\/www.dmsjuridica.com\/buscador_20179478954\/corteconstitucionalcronologico202454587\/category\/buscar-en-toda-la-corte\/2000\/sentencias-de-unificacion-2000\/' title='Sentencias de Unificaci\u00f3n 2000' class='pt-cv-tax-sentencias-de-unificacion-2000'>Sentencias de Unificaci\u00f3n 2000<\/a><\/div>\n<h4 class=\"pt-cv-title\"><a href=\"https:\/\/www.dmsjuridica.com\/buscador_20179478954\/corteconstitucionalcronologico202454587\/su1721-00\/\" class=\"_self\" target=\"_self\" >SU1721-00<\/a><\/h4>\n<div class=\"pt-cv-content\">\u00a0 \u00a0 Sentencia \u00a0SU.1721\/00 \u00a0 INDEFENSION-Persona respecto a medios de informaci\u00f3n\/ACCION DE TUTELA CONTRA MEDIOS DE COMUNICACION-Solicitud previa de rectificaci\u00f3n de datos publicados \u00a0 LIBERTAD DE EXPRESION-Prevalencia cuando entra en conflicto con otros derechos fundamentales \u00a0 La primac\u00eda de la libertad de expresi\u00f3n cuando entra en conflicto con otros derechos fundamentales, se explica precisamente por el criterio finalista de protecci\u00f3n social que ostenta la libertad de expresi\u00f3n, particularmente cuando ella se ejercita mediante los medios de comunicaci\u00f3n establecidos. En ese orden de ideas se reconoce que trat\u00e1ndose de la libertad de expresi\u00f3n respecto de la gesti\u00f3n p\u00fablica, los derechos al ...<br \/><div class=\"pt-cv-rmwrap\"><a href=\"https:\/\/www.dmsjuridica.com\/buscador_20179478954\/corteconstitucionalcronologico202454587\/su1721-00\/\" class=\"_self pt-cv-readmore btn btn-success\" target=\"_self\">Ver Sentencia Completa...<\/a><\/div><\/div><\/div><\/div>\n<div class=\"col-md-12 col-sm-12 col-xs-12 pt-cv-content-item pt-cv-1-col\" ><div class='pt-cv-ifield'><a href=\"https:\/\/www.dmsjuridica.com\/buscador_20179478954\/corteconstitucionalcronologico202454587\/su1720-00\/\" class=\"_self pt-cv-href-thumbnail pt-cv-thumb-default\" target=\"_self\" ><\/a>\n<div class=\"pt-cv-taxoterm above_title\"><a href='https:\/\/www.dmsjuridica.com\/buscador_20179478954\/corteconstitucionalcronologico202454587\/category\/buscar-en-toda-la-corte\/2000\/sentencias-de-unificacion-2000\/' title='Sentencias de Unificaci\u00f3n 2000' class='pt-cv-tax-sentencias-de-unificacion-2000'>Sentencias de Unificaci\u00f3n 2000<\/a><\/div>\n<h4 class=\"pt-cv-title\"><a href=\"https:\/\/www.dmsjuridica.com\/buscador_20179478954\/corteconstitucionalcronologico202454587\/su1720-00\/\" class=\"_self\" target=\"_self\" >SU1720-00<\/a><\/h4>\n<div class=\"pt-cv-content\">\u00a0 \u00a0 Sentencia SU.1720\/00 \u00a0 ALCALDE-Periodo individual\/GOBERNADOR-Periodo individual \u00a0 REVOCACION DEL MANDATO-Alcance\/ALCALDE QUE REEMPLAZA AL REVOCADO-Periodo\/GOBERNADOR QUE REEMPLAZA AL REVOCADO-Periodo \u00a0 ELECCION POPULAR DE ALCALDES-Vacancia absoluta \u00a0 Referencia: expedientes T-348557- T-348559 \u00a0 \u00a0 \u00a0 Acciones de tutela instauradas por Federico Cervantes y Julio Mario Chain \u00a0 Procedencia: Consejo Seccional de la Judicatura del Atl\u00e1ntico \u00a0 Magistrado Ponente: \u00a0 Dr. ALEJANDRO MARTINEZ CABALLERO \u00a0 Bogot\u00e1, D.C., doce (12) de diciembre de dos mil (2.000). \u00a0 La Corte Constitucional de la Rep\u00fablica de Colombia, integrada por su Presidente Fabio Mor\u00f3n D\u00edaz, y por los Magistrados, Alfredo Beltr\u00e1n Sierra, Jairo Charry Rivas, Carlos ...<br \/><div class=\"pt-cv-rmwrap\"><a href=\"https:\/\/www.dmsjuridica.com\/buscador_20179478954\/corteconstitucionalcronologico202454587\/su1720-00\/\" class=\"_self pt-cv-readmore btn btn-success\" target=\"_self\">Ver Sentencia Completa...<\/a><\/div><\/div><\/div><\/div>\n<div class=\"col-md-12 col-sm-12 col-xs-12 pt-cv-content-item pt-cv-1-col\" ><div class='pt-cv-ifield'><a href=\"https:\/\/www.dmsjuridica.com\/buscador_20179478954\/corteconstitucionalcronologico202454587\/su1554-00\/\" class=\"_self pt-cv-href-thumbnail pt-cv-thumb-default\" target=\"_self\" ><\/a>\n<div class=\"pt-cv-taxoterm above_title\"><a href='https:\/\/www.dmsjuridica.com\/buscador_20179478954\/corteconstitucionalcronologico202454587\/category\/buscar-en-toda-la-corte\/2000\/sentencias-de-unificacion-2000\/' title='Sentencias de Unificaci\u00f3n 2000' class='pt-cv-tax-sentencias-de-unificacion-2000'>Sentencias de Unificaci\u00f3n 2000<\/a><\/div>\n<h4 class=\"pt-cv-title\"><a href=\"https:\/\/www.dmsjuridica.com\/buscador_20179478954\/corteconstitucionalcronologico202454587\/su1554-00\/\" class=\"_self\" target=\"_self\" >SU1554-00<\/a><\/h4>\n<div class=\"pt-cv-content\">\u00a0 \u00a0 Sentencia SU.1554\/00 \u00a0 SERVICIO DE MEDICINA PREPAGADA-Naturaleza \u00a0 Esta Corporaci\u00f3n, al referirse a la naturaleza del servicio, ha dicho que \u201cen principio estamos en presencia de una actividad econ\u00f3mica [la de medicina prepagada], pues unas empresas e instituciones prestan unos determinados servicios, en general con el fin de obtener unas utilidades\u201d. No obstante su car\u00e1cter empresarial, esta actividad no es de cualquier tipo pues por medio de ella algunas entidades prestan servicios de salud a los usuarios que contraten con ellas. Este tipo de prestaci\u00f3n del servicio de salud es espec\u00edfico debido a la modalidad del prepago, pues ...<br \/><div class=\"pt-cv-rmwrap\"><a href=\"https:\/\/www.dmsjuridica.com\/buscador_20179478954\/corteconstitucionalcronologico202454587\/su1554-00\/\" class=\"_self pt-cv-readmore btn btn-success\" target=\"_self\">Ver Sentencia Completa...<\/a><\/div><\/div><\/div><\/div>\n<div class=\"col-md-12 col-sm-12 col-xs-12 pt-cv-content-item pt-cv-1-col\" ><div class='pt-cv-ifield'><a href=\"https:\/\/www.dmsjuridica.com\/buscador_20179478954\/corteconstitucionalcronologico202454587\/su1553-00\/\" class=\"_self pt-cv-href-thumbnail pt-cv-thumb-default\" target=\"_self\" ><\/a>\n<div class=\"pt-cv-taxoterm above_title\"><a href='https:\/\/www.dmsjuridica.com\/buscador_20179478954\/corteconstitucionalcronologico202454587\/category\/buscar-en-toda-la-corte\/2000\/sentencias-de-unificacion-2000\/' title='Sentencias de Unificaci\u00f3n 2000' class='pt-cv-tax-sentencias-de-unificacion-2000'>Sentencias de Unificaci\u00f3n 2000<\/a><\/div>\n<h4 class=\"pt-cv-title\"><a href=\"https:\/\/www.dmsjuridica.com\/buscador_20179478954\/corteconstitucionalcronologico202454587\/su1553-00\/\" class=\"_self\" target=\"_self\" >SU1553-00<\/a><\/h4>\n<div class=\"pt-cv-content\">\u00a0 \u00a0 Sentencia SU.1553\/00 \u00a0 PRINCIPIO NO REFORMATIO IN PEJUS-Alcance \u00a0 PRINCIPIO DE LEGALIDAD-Alcance \u00a0 El principio de legalidad no puede ser interpretado de manera estrecha al punto que desconozca el sentido mismo que dio origen a su elaboraci\u00f3n. En efecto, la legalidad es una conquista en el derecho penal que garantiza certeza jur\u00eddica, no s\u00f3lo de la conducta reprochada o de la sanci\u00f3n sino de la decisi\u00f3n judicial que impone una pena o que absuelve al procesado. Dicho de otro modo, este principio se convierte en una protecci\u00f3n de la confianza en el proceso penal, el cual, incluye naturalmente ...<br \/><div class=\"pt-cv-rmwrap\"><a href=\"https:\/\/www.dmsjuridica.com\/buscador_20179478954\/corteconstitucionalcronologico202454587\/su1553-00\/\" class=\"_self pt-cv-readmore btn btn-success\" target=\"_self\">Ver Sentencia Completa...<\/a><\/div><\/div><\/div><\/div>\n<div class=\"col-md-12 col-sm-12 col-xs-12 pt-cv-content-item pt-cv-1-col\" ><div class='pt-cv-ifield'><a href=\"https:\/\/www.dmsjuridica.com\/buscador_20179478954\/corteconstitucionalcronologico202454587\/su1382-00\/\" class=\"_self pt-cv-href-thumbnail pt-cv-thumb-default\" target=\"_self\" ><\/a>\n<div class=\"pt-cv-taxoterm above_title\"><a href='https:\/\/www.dmsjuridica.com\/buscador_20179478954\/corteconstitucionalcronologico202454587\/category\/buscar-en-toda-la-corte\/2000\/sentencias-de-unificacion-2000\/' title='Sentencias de Unificaci\u00f3n 2000' class='pt-cv-tax-sentencias-de-unificacion-2000'>Sentencias de Unificaci\u00f3n 2000<\/a><\/div>\n<h4 class=\"pt-cv-title\"><a href=\"https:\/\/www.dmsjuridica.com\/buscador_20179478954\/corteconstitucionalcronologico202454587\/su1382-00\/\" class=\"_self\" target=\"_self\" >SU1382-00<\/a><\/h4>\n<div class=\"pt-cv-content\">\u00a0 \u00a0 Sentencia SU.1382\/00 \u00a0 JUEZ CONSTITUCIONAL-Improcedencia para sustituir a las autoridades en las competencias asignadas por la Constituci\u00f3n Pol\u00edtica \u00a0 JUEZ DE TUTELA-Imposibilidad de modificar presupuesto para incremento salarial de servidores p\u00fablicos \u00a0 Referencia: expediente T-300.395 \u00a0 Acci\u00f3n de tutela instaurada por Carlos Naboyan y otros contra el Municipio de Quibd\u00f3. \u00a0 Magistrado Ponente:\u00a0 \u00a0 Dr. ALEJANDRO MART\u00cdNEZ CABALLERO \u00a0 Bogot\u00e1 D.C., once (11) de octubre de dos mil (2000) \u00a0 La Sala Plena de la Corte Constitucional, en ejercicio de sus competencias constitucionales y legales, ha proferido la siguiente \u00a0 SENTENCIA \u00a0 en la revisi\u00f3n de los fallos ...<br \/><div class=\"pt-cv-rmwrap\"><a href=\"https:\/\/www.dmsjuridica.com\/buscador_20179478954\/corteconstitucionalcronologico202454587\/su1382-00\/\" class=\"_self pt-cv-readmore btn btn-success\" target=\"_self\">Ver Sentencia Completa...<\/a><\/div><\/div><\/div><\/div>\n<div class=\"col-md-12 col-sm-12 col-xs-12 pt-cv-content-item pt-cv-1-col\" ><div class='pt-cv-ifield'><a href=\"https:\/\/www.dmsjuridica.com\/buscador_20179478954\/corteconstitucionalcronologico202454587\/su1354-00\/\" class=\"_self pt-cv-href-thumbnail pt-cv-thumb-default\" target=\"_self\" ><\/a>\n<div class=\"pt-cv-taxoterm above_title\"><a href='https:\/\/www.dmsjuridica.com\/buscador_20179478954\/corteconstitucionalcronologico202454587\/category\/buscar-en-toda-la-corte\/2000\/sentencias-de-unificacion-2000\/' title='Sentencias de Unificaci\u00f3n 2000' class='pt-cv-tax-sentencias-de-unificacion-2000'>Sentencias de Unificaci\u00f3n 2000<\/a><\/div>\n<h4 class=\"pt-cv-title\"><a href=\"https:\/\/www.dmsjuridica.com\/buscador_20179478954\/corteconstitucionalcronologico202454587\/su1354-00\/\" class=\"_self\" target=\"_self\" >SU1354-00<\/a><\/h4>\n<div class=\"pt-cv-content\">\u00a0 \u00a0 Sentencia SU.1354\/00 \u00a0 DERECHO ADQUIRIDO A LA PENSION DE JUBILACION \u00a0 DERECHO A LA SEGURIDAD SOCIAL-Fundamental por conexidad\/DERECHO A LA PENSION DE JUBILACION-Fundamental por conexidad \u00a0 DERECHO AL MINIMO VITAL DE PERSONA DE LA TERCERA EDAD-Retraso injustificado en pago de pensi\u00f3n \u00a0 DERECHO A LA VIDA DIGNA DEL PENSIONADO-Mesada pensional proporcional a ingreso salarial cotizado en el sistema de pensiones \u00a0 Consustancial al derecho a recibir la prestaci\u00f3n peri\u00f3dica o mesada pensional, es el derecho que le asiste a su titular a que \u00e9sta sea proporcional a los ingresos salariales con base en los cuales cotizaba al sistema ...<br \/><div class=\"pt-cv-rmwrap\"><a href=\"https:\/\/www.dmsjuridica.com\/buscador_20179478954\/corteconstitucionalcronologico202454587\/su1354-00\/\" class=\"_self pt-cv-readmore btn btn-success\" target=\"_self\">Ver Sentencia Completa...<\/a><\/div><\/div><\/div><\/div>\n<div class=\"col-md-12 col-sm-12 col-xs-12 pt-cv-content-item pt-cv-1-col\" ><div class='pt-cv-ifield'><a href=\"https:\/\/www.dmsjuridica.com\/buscador_20179478954\/corteconstitucionalcronologico202454587\/su1195-00\/\" class=\"_self pt-cv-href-thumbnail pt-cv-thumb-default\" target=\"_self\" ><\/a>\n<div class=\"pt-cv-taxoterm above_title\"><a href='https:\/\/www.dmsjuridica.com\/buscador_20179478954\/corteconstitucionalcronologico202454587\/category\/buscar-en-toda-la-corte\/2000\/sentencias-de-unificacion-2000\/' title='Sentencias de Unificaci\u00f3n 2000' class='pt-cv-tax-sentencias-de-unificacion-2000'>Sentencias de Unificaci\u00f3n 2000<\/a><\/div>\n<h4 class=\"pt-cv-title\"><a href=\"https:\/\/www.dmsjuridica.com\/buscador_20179478954\/corteconstitucionalcronologico202454587\/su1195-00\/\" class=\"_self\" target=\"_self\" >SU1195-00<\/a><\/h4>\n<div class=\"pt-cv-content\">\u00a0 \u00a0 Sentencia SU.1195\/00 \u00a0 JUEZ DE TUTELA-Improcedencia para sustituir a las autoridades en las competencias asignadas por la Constituci\u00f3n Pol\u00edtica \u00a0 GOBIERNO NACIONAL-Formulaci\u00f3n anual del presupuesto y ley de apropiaciones\/JUEZ DE TUTELA-Imposibilidad de modificar presupuesto para incremento salarial de servidores p\u00fablicos \u00a0 ACCION DE TUTELA COMO MECANISMO TRANSITORIO-Improcedencia incremento salarial para servidores p\u00fablicos \u00a0 DERECHO DE DEFENSA-Necesidad de fecha cierta en las sentencias \u00a0 Se observa que el fallo de segunda instancia, proferido por el Tribunal Superior del Distrito Judicial de Bogot\u00e1, D.C., no tiene fecha, lo que atenta contra el derecho de defensa y constituye una violaci\u00f3n del ...<br \/><div class=\"pt-cv-rmwrap\"><a href=\"https:\/\/www.dmsjuridica.com\/buscador_20179478954\/corteconstitucionalcronologico202454587\/su1195-00\/\" class=\"_self pt-cv-readmore btn btn-success\" target=\"_self\">Ver Sentencia Completa...<\/a><\/div><\/div><\/div><\/div>\n<div class=\"col-md-12 col-sm-12 col-xs-12 pt-cv-content-item pt-cv-1-col\" ><div class='pt-cv-ifield'><a href=\"https:\/\/www.dmsjuridica.com\/buscador_20179478954\/corteconstitucionalcronologico202454587\/su1194-00\/\" class=\"_self pt-cv-href-thumbnail pt-cv-thumb-default\" target=\"_self\" ><\/a>\n<div class=\"pt-cv-taxoterm above_title\"><a href='https:\/\/www.dmsjuridica.com\/buscador_20179478954\/corteconstitucionalcronologico202454587\/category\/buscar-en-toda-la-corte\/2000\/sentencias-de-unificacion-2000\/' title='Sentencias de Unificaci\u00f3n 2000' class='pt-cv-tax-sentencias-de-unificacion-2000'>Sentencias de Unificaci\u00f3n 2000<\/a><\/div>\n<h4 class=\"pt-cv-title\"><a href=\"https:\/\/www.dmsjuridica.com\/buscador_20179478954\/corteconstitucionalcronologico202454587\/su1194-00\/\" class=\"_self\" target=\"_self\" >SU1194-00<\/a><\/h4>\n<div class=\"pt-cv-content\">\u00a0 \u00a0 \u00a0 \u00a0 \u00a0 \u00a0 \u00a0 \u00a0 \u00a0 \u00a0 \u00a0 Sentencia SU.1194\/00 \u00a0 GOBIERNO NACIONAL-Formulaci\u00f3n anual del presupuesto y ley de apropiaciones\/JUEZ DE TUTELA-Imposibilidad de modificar presupuesto para incremento salarial de servidores p\u00fablicos \u00a0 ACCION DE TUTELA COMO MECANISMO TRANSITORIO-Improcedencia incremento salarial para servidores p\u00fablicos \u00a0 Referencia: expedientes T-315.413 y otros \u00a0 Magistrado Ponente:\u00a0 \u00a0 Dr. ALEJANDRO MART\u00cdNEZ CABALLERO \u00a0 Bogot\u00e1, trece (13) de septiembre de dos mil (2000) \u00a0 La Sala Plena de la Corte Constitucional, en ejercicio de sus competencias constitucionales y legales, ha proferido la siguiente \u00a0 SENTENCIA \u00a0 en los procesos de revisi\u00f3n de los ...<br \/><div class=\"pt-cv-rmwrap\"><a href=\"https:\/\/www.dmsjuridica.com\/buscador_20179478954\/corteconstitucionalcronologico202454587\/su1194-00\/\" class=\"_self pt-cv-readmore btn btn-success\" target=\"_self\">Ver Sentencia Completa...<\/a><\/div><\/div><\/div><\/div>\n<div class=\"col-md-12 col-sm-12 col-xs-12 pt-cv-content-item pt-cv-1-col\" ><div class='pt-cv-ifield'><a href=\"https:\/\/www.dmsjuridica.com\/buscador_20179478954\/corteconstitucionalcronologico202454587\/su1193-00\/\" class=\"_self pt-cv-href-thumbnail pt-cv-thumb-default\" target=\"_self\" ><\/a>\n<div class=\"pt-cv-taxoterm above_title\"><a href='https:\/\/www.dmsjuridica.com\/buscador_20179478954\/corteconstitucionalcronologico202454587\/category\/buscar-en-toda-la-corte\/2000\/sentencias-de-unificacion-2000\/' title='Sentencias de Unificaci\u00f3n 2000' class='pt-cv-tax-sentencias-de-unificacion-2000'>Sentencias de Unificaci\u00f3n 2000<\/a><\/div>\n<h4 class=\"pt-cv-title\"><a href=\"https:\/\/www.dmsjuridica.com\/buscador_20179478954\/corteconstitucionalcronologico202454587\/su1193-00\/\" class=\"_self\" target=\"_self\" >SU1193-00<\/a><\/h4>\n<div class=\"pt-cv-content\">\u00a0 \u00a0 Sentencia SU.1193\/00 \u00a0 PERSONA JURIDICA-Titularidad de derechos fundamentales \u00a0 DOCTRINA CONSTITUCIONAL DE LOS DERECHOS FUNDAMENTALES DE PERSONA JURIDICA\/DERECHOS FUNDAMENTALES DE PERSONA JURIDICA-Se\u00f1alamiento de los que resultan aplicables y protecci\u00f3n por tutela \u00a0 DERECHO A LA IGUALDAD-Compra de acciones de la Sociedad Isagen \u00a0 LIBERTAD ECONOMICA-Abuso de la posici\u00f3n dominante\/DEBIDO PROCESO ADMINISTRATIVO-Vulneraci\u00f3n en la negociaci\u00f3n de acciones de la Sociedad Isagen \u00a0 SUSPENSION PROVISIONAL-Procedencia excepcional para protecci\u00f3n de derechos fundamentales \u00a0 ACCION DE TUTELA Y SUSPENSION PROVISIONAL-Instrumentos complementarios \u00a0 \u201cLa acci\u00f3n de tutela y la suspensi\u00f3n provisional no pueden mirarse como instrumentos de protecci\u00f3n excluyentes, sino complementarios. En tal ...<br \/><div class=\"pt-cv-rmwrap\"><a href=\"https:\/\/www.dmsjuridica.com\/buscador_20179478954\/corteconstitucionalcronologico202454587\/su1193-00\/\" class=\"_self pt-cv-readmore btn btn-success\" target=\"_self\">Ver Sentencia Completa...<\/a><\/div><\/div><\/div><\/div>\n<div class=\"col-md-12 col-sm-12 col-xs-12 pt-cv-content-item pt-cv-1-col\" ><div class='pt-cv-ifield'><a href=\"https:\/\/www.dmsjuridica.com\/buscador_20179478954\/corteconstitucionalcronologico202454587\/su1150-00\/\" class=\"_self pt-cv-href-thumbnail pt-cv-thumb-default\" target=\"_self\" ><\/a>\n<div class=\"pt-cv-taxoterm above_title\"><a href='https:\/\/www.dmsjuridica.com\/buscador_20179478954\/corteconstitucionalcronologico202454587\/category\/buscar-en-toda-la-corte\/2000\/sentencias-de-unificacion-2000\/' title='Sentencias de Unificaci\u00f3n 2000' class='pt-cv-tax-sentencias-de-unificacion-2000'>Sentencias de Unificaci\u00f3n 2000<\/a><\/div>\n<h4 class=\"pt-cv-title\"><a href=\"https:\/\/www.dmsjuridica.com\/buscador_20179478954\/corteconstitucionalcronologico202454587\/su1150-00\/\" class=\"_self\" target=\"_self\" >SU1150-00<\/a><\/h4>\n<div class=\"pt-cv-content\">\u00a0 \u00a0 Sentencia SU.1150\/00 \u00a0 DESPLAZADOS INTERNOS-Emergencia social \u00a0 DESPLAZAMIENTO FORZADO-Campesinos\/DESPLAZAMIENTO FORZADO-Consecuencias \u00a0 Los connacionales obligados a abandonar sus hogares por medio de la violencia son en su mayor parte campesinos pobres, con un bajo nivel de instrucci\u00f3n escolar. Adem\u00e1s, la mayor\u00eda de las personas desplazadas son menores de edad y mujeres. Ellos se trasladan principalmente a las ciudades, en las cuales tienen pocas posibilidades de acceder a una vivienda digna y a un trabajo estable. Frecuentemente, el resultado de la migraci\u00f3n forzosa a la que se ven sometidos es el agravamiento de las ya de por s\u00ed precarias condiciones ...<br \/><div class=\"pt-cv-rmwrap\"><a href=\"https:\/\/www.dmsjuridica.com\/buscador_20179478954\/corteconstitucionalcronologico202454587\/su1150-00\/\" class=\"_self pt-cv-readmore btn btn-success\" target=\"_self\">Ver Sentencia Completa...<\/a><\/div><\/div><\/div><\/div>\n<div class=\"col-md-12 col-sm-12 col-xs-12 pt-cv-content-item pt-cv-1-col\" ><div class='pt-cv-ifield'><a href=\"https:\/\/www.dmsjuridica.com\/buscador_20179478954\/corteconstitucionalcronologico202454587\/su1149-00\/\" class=\"_self pt-cv-href-thumbnail pt-cv-thumb-default\" target=\"_self\" ><\/a>\n<div class=\"pt-cv-taxoterm above_title\"><a href='https:\/\/www.dmsjuridica.com\/buscador_20179478954\/corteconstitucionalcronologico202454587\/category\/buscar-en-toda-la-corte\/2000\/sentencias-de-unificacion-2000\/' title='Sentencias de Unificaci\u00f3n 2000' class='pt-cv-tax-sentencias-de-unificacion-2000'>Sentencias de Unificaci\u00f3n 2000<\/a><\/div>\n<h4 class=\"pt-cv-title\"><a href=\"https:\/\/www.dmsjuridica.com\/buscador_20179478954\/corteconstitucionalcronologico202454587\/su1149-00\/\" class=\"_self\" target=\"_self\" >SU1149-00<\/a><\/h4>\n<div class=\"pt-cv-content\">\u00a0 \u00a0 Expedientes T-215772 acumulados \u00a0 Sentencia SU.1149\/00 \u00a0 DERECHO A LA EDUCACION-Fundamental \u00a0 DERECHO A LA EDUCACION-Padres pueden escoger la educaci\u00f3n de sus hijos \u00a0 EDUCACION ESPECIAL-Fundamental\/EDUCACION ESPECIAL-Funci\u00f3n social \u00a0 La necesidad de crear un sistema de educaci\u00f3n especial para un grupo espec\u00edfico de la poblaci\u00f3n emerge del propio texto constitucional. Es decir, que la educaci\u00f3n especial no s\u00f3lo constituye un derecho fundamental para quienes son acreedores a ella, sino que cumple una funci\u00f3n social que resulta positiva para generar una mejor sociedad, edificada sobre la base del conocimiento. \u00a0 \u00a0\u00a0 \u00a0 EDUCACION REGULAR-Formaci\u00f3n de menores con capacidades especiales ...<br \/><div class=\"pt-cv-rmwrap\"><a href=\"https:\/\/www.dmsjuridica.com\/buscador_20179478954\/corteconstitucionalcronologico202454587\/su1149-00\/\" class=\"_self pt-cv-readmore btn btn-success\" target=\"_self\">Ver Sentencia Completa...<\/a><\/div><\/div><\/div><\/div>\n<div class=\"col-md-12 col-sm-12 col-xs-12 pt-cv-content-item pt-cv-1-col\" ><div class='pt-cv-ifield'><a href=\"https:\/\/www.dmsjuridica.com\/buscador_20179478954\/corteconstitucionalcronologico202454587\/su1148-00\/\" class=\"_self pt-cv-href-thumbnail pt-cv-thumb-default\" target=\"_self\" ><\/a>\n<div class=\"pt-cv-taxoterm above_title\"><a href='https:\/\/www.dmsjuridica.com\/buscador_20179478954\/corteconstitucionalcronologico202454587\/category\/buscar-en-toda-la-corte\/2000\/sentencias-de-unificacion-2000\/' title='Sentencias de Unificaci\u00f3n 2000' class='pt-cv-tax-sentencias-de-unificacion-2000'>Sentencias de Unificaci\u00f3n 2000<\/a><\/div>\n<h4 class=\"pt-cv-title\"><a href=\"https:\/\/www.dmsjuridica.com\/buscador_20179478954\/corteconstitucionalcronologico202454587\/su1148-00\/\" class=\"_self\" target=\"_self\" >SU1148-00<\/a><\/h4>\n<div class=\"pt-cv-content\">\u00a0 \u00a0 Sentencia SU.1148\/00 \u00a0 ACCION DE TUTELA-Naturaleza \u00a0 GOBIERNO NACIONAL-Formulaci\u00f3n anual del presupuesto y ley de apropiaciones\/JUEZ DE TUTELA-Imposibilidad de modificar presupuesto para incremento salarial de servidores p\u00fablicos \u00a0 Referencia: \u00a0 expedientes \u00a0 T-306951, \u00a0 T-307842, \u00a0 T-307841, T-307840, \u00a0T-307839, \u00a0T-307838, \u00a0T-307837, \u00a0T-307836, T-307803, \u00a0T-307734, \u00a0T-307733, \u00a0T-307411, \u00a0T-307410, T-307409, \u00a0T-306954, T-306952, \u00a0T-308827, \u00a0T-308688, T-308654, \u00a0T-308653, \u00a0T-308652, \u00a0T-308607, \u00a0T-308413, T-308144, \u00a0T-308124, \u00a0T-307843, \u00a0T-307354, \u00a0T-306971, T-307346, \u00a0T-307345, \u00a0T-307343, \u00a0T-307333, \u00a0T-307201, T-307014, \u00a0 T-307000, \u00a0 T-306999. \u00a0 Acciones de tutela incoadas por Custodio Jacinto Mora Medina y otros, contra el Presidente de la Rep\u00fablica y el Ministerio de Hacienda y Cr\u00e9dito P\u00fablico.\u00a0 ...<br \/><div class=\"pt-cv-rmwrap\"><a href=\"https:\/\/www.dmsjuridica.com\/buscador_20179478954\/corteconstitucionalcronologico202454587\/su1148-00\/\" class=\"_self pt-cv-readmore btn btn-success\" target=\"_self\">Ver Sentencia Completa...<\/a><\/div><\/div><\/div><\/div>\n<div class=\"col-md-12 col-sm-12 col-xs-12 pt-cv-content-item pt-cv-1-col\" ><div class='pt-cv-ifield'><a href=\"https:\/\/www.dmsjuridica.com\/buscador_20179478954\/corteconstitucionalcronologico202454587\/su1114-00\/\" class=\"_self pt-cv-href-thumbnail pt-cv-thumb-default\" target=\"_self\" ><\/a>\n<div class=\"pt-cv-taxoterm above_title\"><a href='https:\/\/www.dmsjuridica.com\/buscador_20179478954\/corteconstitucionalcronologico202454587\/category\/buscar-en-toda-la-corte\/2000\/sentencias-de-unificacion-2000\/' title='Sentencias de Unificaci\u00f3n 2000' class='pt-cv-tax-sentencias-de-unificacion-2000'>Sentencias de Unificaci\u00f3n 2000<\/a><\/div>\n<h4 class=\"pt-cv-title\"><a href=\"https:\/\/www.dmsjuridica.com\/buscador_20179478954\/corteconstitucionalcronologico202454587\/su1114-00\/\" class=\"_self\" target=\"_self\" >SU1114-00<\/a><\/h4>\n<div class=\"pt-cv-content\">\u00a0 \u00a0 Sentencia SU.1114\/00 \u00a0 CONCURSO DE MERITOS-Nombramiento de quien obtuvo primer puesto \u00a0 CARRERA ADMINISTRATIVA Y JUDICIAL-Establecimiento de l\u00edmites por el legislador \u00a0 CARRERA JUDICIAL-Provisi\u00f3n de cargos con listas superiores a cinco candidatos \u00a0 CARRERA JUDICIAL-Conformaci\u00f3n m\u00ednima lista de elegibles \u00a0 INAPLICACION DE NORMAS DE CARRERA JUDICIAL-Provisi\u00f3n de cargos con listas superiores a cinco candidatos\/CARRERA JUDICIAL-Nombramiento del primero aun cuando lista est\u00e9 conformada por menos de seis candidatos \u00a0 La inexistencia de una raz\u00f3n de fondo para aplazar el nombramiento del actor no significa que la Corte desconozca la existencia del art\u00edculo 166 de la LEAJ, declarado exequible por ...<br \/><div class=\"pt-cv-rmwrap\"><a href=\"https:\/\/www.dmsjuridica.com\/buscador_20179478954\/corteconstitucionalcronologico202454587\/su1114-00\/\" class=\"_self pt-cv-readmore btn btn-success\" target=\"_self\">Ver Sentencia Completa...<\/a><\/div><\/div><\/div><\/div>\n<div class=\"col-md-12 col-sm-12 col-xs-12 pt-cv-content-item pt-cv-1-col\" ><div class='pt-cv-ifield'><a href=\"https:\/\/www.dmsjuridica.com\/buscador_20179478954\/corteconstitucionalcronologico202454587\/su1113-00\/\" class=\"_self pt-cv-href-thumbnail pt-cv-thumb-default\" target=\"_self\" ><\/a>\n<div class=\"pt-cv-taxoterm above_title\"><a href='https:\/\/www.dmsjuridica.com\/buscador_20179478954\/corteconstitucionalcronologico202454587\/category\/buscar-en-toda-la-corte\/2000\/sentencias-de-unificacion-2000\/' title='Sentencias de Unificaci\u00f3n 2000' class='pt-cv-tax-sentencias-de-unificacion-2000'>Sentencias de Unificaci\u00f3n 2000<\/a><\/div>\n<h4 class=\"pt-cv-title\"><a href=\"https:\/\/www.dmsjuridica.com\/buscador_20179478954\/corteconstitucionalcronologico202454587\/su1113-00\/\" class=\"_self\" target=\"_self\" >SU1113-00<\/a><\/h4>\n<div class=\"pt-cv-content\">\u00a0 \u00a0 Sentencia SU.1113\/00 \u00a0 ACCION DE TUTELA-Naturaleza \u00a0 GOBIERNO NACIONAL-Formulaci\u00f3n anual del presupuesto y ley de apropiaciones\/JUEZ DE TUTELA-Imposibilidad de modificar presupuesto para incremento salarial de servidores p\u00fablicos \u00a0 ACCION DE TUTELA COMO MECANISMO TRANSITORIO-Improcedencia incremento salarial para servidores p\u00fablicos \u00a0 Referencia: expedientes T-304.809 y acumulados T-304.813, T-304.818, T-304.825, T-305.339, T-305.342, T-305.347, T-305.348, T-305.702, T-305.703, T-305.707, T-305.856, T-305.857, T-305.964, T-305.966, T-306.005, T-306.006, T-306.090, T-306.129, T-306.133, T-306.497, T-306.685, T-306.686, T-306.896, T-306.897, T-306.898, T-306.914, T-306.915, T-306.917, T-306.922, T-306.923, T-309.642, T-310.669 y T-310.814. \u00a0 Peticionario: Ana Lilia Rojas Leal y otros. \u00a0 Magistrado Ponente: \u00a0 Dr. VLADIMIRO NARANJO MESA \u00a0 Santaf\u00e9 de ...<br \/><div class=\"pt-cv-rmwrap\"><a href=\"https:\/\/www.dmsjuridica.com\/buscador_20179478954\/corteconstitucionalcronologico202454587\/su1113-00\/\" class=\"_self pt-cv-readmore btn btn-success\" target=\"_self\">Ver Sentencia Completa...<\/a><\/div><\/div><\/div><\/div>\n<div class=\"col-md-12 col-sm-12 col-xs-12 pt-cv-content-item pt-cv-1-col\" ><div class='pt-cv-ifield'><a href=\"https:\/\/www.dmsjuridica.com\/buscador_20179478954\/corteconstitucionalcronologico202454587\/su1067-00\/\" class=\"_self pt-cv-href-thumbnail pt-cv-thumb-default\" target=\"_self\" ><\/a>\n<div class=\"pt-cv-taxoterm above_title\"><a href='https:\/\/www.dmsjuridica.com\/buscador_20179478954\/corteconstitucionalcronologico202454587\/category\/buscar-en-toda-la-corte\/2000\/sentencias-de-unificacion-2000\/' title='Sentencias de Unificaci\u00f3n 2000' class='pt-cv-tax-sentencias-de-unificacion-2000'>Sentencias de Unificaci\u00f3n 2000<\/a><\/div>\n<h4 class=\"pt-cv-title\"><a href=\"https:\/\/www.dmsjuridica.com\/buscador_20179478954\/corteconstitucionalcronologico202454587\/su1067-00\/\" class=\"_self\" target=\"_self\" >SU1067-00<\/a><\/h4>\n<div class=\"pt-cv-content\">\u00a0 \u00a0 Sentencia SU.1067\/00 \u00a0 DERECHO AL TRABAJO-Despido de empleados por promoci\u00f3n de negociaci\u00f3n colectiva \u00a0 DERECHO DE ASOCIACION SINDICAL-Desconocimiento por despido colectivo de trabajadores\/TERMINACION UNILATERAL DE CONTRATO DE TRABAJO-Facultad de empleador no es absoluta \u00a0 La facultad patronal de terminar unilateralmente sin justa causa los contratos de trabajo a t\u00e9rmino fijo, mediante indemnizaci\u00f3n, no puede ejercerse para producir un despido masivo de trabajadores sindicalizados en n\u00famero tal, que se afecte la existencia misma de la organizaci\u00f3n sindical. Menos a\u00fan, cuando est\u00e1n amparados por el fuero circunstancial, por hallarse en proceso de negociaci\u00f3n pliego o por el fuero sindical -por ...<br \/><div class=\"pt-cv-rmwrap\"><a href=\"https:\/\/www.dmsjuridica.com\/buscador_20179478954\/corteconstitucionalcronologico202454587\/su1067-00\/\" class=\"_self pt-cv-readmore btn btn-success\" target=\"_self\">Ver Sentencia Completa...<\/a><\/div><\/div><\/div><\/div>\n<div class=\"col-md-12 col-sm-12 col-xs-12 pt-cv-content-item pt-cv-1-col\" ><div class='pt-cv-ifield'><a href=\"https:\/\/www.dmsjuridica.com\/buscador_20179478954\/corteconstitucionalcronologico202454587\/su1061-00\/\" class=\"_self pt-cv-href-thumbnail pt-cv-thumb-default\" target=\"_self\" ><\/a>\n<div class=\"pt-cv-taxoterm above_title\"><a href='https:\/\/www.dmsjuridica.com\/buscador_20179478954\/corteconstitucionalcronologico202454587\/category\/buscar-en-toda-la-corte\/2000\/sentencias-de-unificacion-2000\/' title='Sentencias de Unificaci\u00f3n 2000' class='pt-cv-tax-sentencias-de-unificacion-2000'>Sentencias de Unificaci\u00f3n 2000<\/a><\/div>\n<h4 class=\"pt-cv-title\"><a href=\"https:\/\/www.dmsjuridica.com\/buscador_20179478954\/corteconstitucionalcronologico202454587\/su1061-00\/\" class=\"_self\" target=\"_self\" >SU1061-00<\/a><\/h4>\n<div class=\"pt-cv-content\">\u00a0 \u00a0 {p} \u00a0 EXPEDIENTE \u00a0T-311.113 Y OTROS \u00a0 Sentencia SU.1061\/00 \u00a0 JUEZ DE TUTELA-Improcedencia para sustituir a las autoridades en las competencias asignadas por la Constituci\u00f3n Pol\u00edtica \u00a0 GOBIERNO NACIONAL-Formulaci\u00f3n anual del presupuesto y ley de apropiaciones\/JUEZ DE TUTELA-Imposibilidad de modificar presupuesto para incremento salarial de servidores p\u00fablicos \u00a0 ACCION DE TUTELA COMO MECANISMO TRANSITORIO-Improcedencia incremento salarial para servidores p\u00fablicos \u00a0 Referencia: expedientes T-311.113 y otros.\u00a0 \u00a0 Acci\u00f3n de tutela de Gloria Esperanza Rinc\u00f3n Rodr\u00edguez y otros. \u00a0 \u00a0 Procedencia: Juzgado 40 Civil Municipal \u00a0de Santaf\u00e9 de Bogot\u00e1 D.C y otros. \u00a0 \u00a0\u00a0 \u00a0 Magistrado Ponente:\u00a0 \u00a0 Dr. ALFREDO ...<br \/><div class=\"pt-cv-rmwrap\"><a href=\"https:\/\/www.dmsjuridica.com\/buscador_20179478954\/corteconstitucionalcronologico202454587\/su1061-00\/\" class=\"_self pt-cv-readmore btn btn-success\" target=\"_self\">Ver Sentencia Completa...<\/a><\/div><\/div><\/div><\/div>\n<div class=\"col-md-12 col-sm-12 col-xs-12 pt-cv-content-item pt-cv-1-col\" ><div class='pt-cv-ifield'><a href=\"https:\/\/www.dmsjuridica.com\/buscador_20179478954\/corteconstitucionalcronologico202454587\/su1052-00\/\" class=\"_self pt-cv-href-thumbnail pt-cv-thumb-default\" target=\"_self\" ><\/a>\n<div class=\"pt-cv-taxoterm above_title\"><a href='https:\/\/www.dmsjuridica.com\/buscador_20179478954\/corteconstitucionalcronologico202454587\/category\/buscar-en-toda-la-corte\/2000\/sentencias-de-unificacion-2000\/' title='Sentencias de Unificaci\u00f3n 2000' class='pt-cv-tax-sentencias-de-unificacion-2000'>Sentencias de Unificaci\u00f3n 2000<\/a><\/div>\n<h4 class=\"pt-cv-title\"><a href=\"https:\/\/www.dmsjuridica.com\/buscador_20179478954\/corteconstitucionalcronologico202454587\/su1052-00\/\" class=\"_self\" target=\"_self\" >SU1052-00<\/a><\/h4>\n<div class=\"pt-cv-content\">\u00a0 \u00a0 Sentencia SU.1052\/00 \u00a0 ACCION DE TUTELA-Naturaleza \u00a0 JUEZ CONSTITUCIONAL-Improcedencia para sustituir a las autoridades en las competencias asignadas por la Constituci\u00f3n Pol\u00edtica \u00a0 Al juez constitucional no le corresponde interferir, por v\u00eda de tutela, en las decisiones generales abstractas e impersonales confiadas por la Constituci\u00f3n Pol\u00edtica a otras autoridades estatales. De tal manera que, tal como lo consideraron los jueces de instancia, mediante la acci\u00f3n de tutela no es posible sustituir al Gobierno Nacional en su gesti\u00f3n de formular y aplicar la pol\u00edtica fiscal del Estado, como tampoco resulta procedente, con el prop\u00f3sito por dem\u00e1s loable de proteger ...<br \/><div class=\"pt-cv-rmwrap\"><a href=\"https:\/\/www.dmsjuridica.com\/buscador_20179478954\/corteconstitucionalcronologico202454587\/su1052-00\/\" class=\"_self pt-cv-readmore btn btn-success\" target=\"_self\">Ver Sentencia Completa...<\/a><\/div><\/div><\/div><\/div>\n<div class=\"col-md-12 col-sm-12 col-xs-12 pt-cv-content-item pt-cv-1-col\" ><div class='pt-cv-ifield'><a href=\"https:\/\/www.dmsjuridica.com\/buscador_20179478954\/corteconstitucionalcronologico202454587\/su091-00\/\" class=\"_self pt-cv-href-thumbnail pt-cv-thumb-default\" target=\"_self\" ><\/a>\n<div class=\"pt-cv-taxoterm above_title\"><a href='https:\/\/www.dmsjuridica.com\/buscador_20179478954\/corteconstitucionalcronologico202454587\/category\/buscar-en-toda-la-corte\/2000\/sentencias-de-unificacion-2000\/' title='Sentencias de Unificaci\u00f3n 2000' class='pt-cv-tax-sentencias-de-unificacion-2000'>Sentencias de Unificaci\u00f3n 2000<\/a><\/div>\n<h4 class=\"pt-cv-title\"><a href=\"https:\/\/www.dmsjuridica.com\/buscador_20179478954\/corteconstitucionalcronologico202454587\/su091-00\/\" class=\"_self\" target=\"_self\" >SU091-00<\/a><\/h4>\n<div class=\"pt-cv-content\">\u00a0 \u00a0 Sentencia SU.091\/00 \u00a0 La amigable composici\u00f3n es un procedimiento eminentemente contractual; el arbitramento es un procedimiento judicial, aunque tenga fundamento inmediato en un acuerdo de voluntades, que se comprometen a que particulares habilitados por ministerio de la ley ejerzan la funci\u00f3n estatal de dirimir un conflicto de intereses generando derogatoria de la jurisdicci\u00f3n estatal, para el caso concreto.- Los amigables componedores, por principio, no ejercen funci\u00f3n estatal judicial; por el contrario, los \u00e1rbitros s\u00ed, conforme lo establece directamente la Constituci\u00f3n Pol\u00edtica (Art. 116). La amigable composici\u00f3n es un mecanismo de autocomposici\u00f3n, los amigables componedores son representantes de las ...<br \/><div class=\"pt-cv-rmwrap\"><a href=\"https:\/\/www.dmsjuridica.com\/buscador_20179478954\/corteconstitucionalcronologico202454587\/su091-00\/\" class=\"_self pt-cv-readmore btn btn-success\" target=\"_self\">Ver Sentencia Completa...<\/a><\/div><\/div><\/div><\/div>\n<div class=\"col-md-12 col-sm-12 col-xs-12 pt-cv-content-item pt-cv-1-col\" ><div class='pt-cv-ifield'><a href=\"https:\/\/www.dmsjuridica.com\/buscador_20179478954\/corteconstitucionalcronologico202454587\/su090-00\/\" class=\"_self pt-cv-href-thumbnail pt-cv-thumb-default\" target=\"_self\" ><\/a>\n<div class=\"pt-cv-taxoterm above_title\"><a href='https:\/\/www.dmsjuridica.com\/buscador_20179478954\/corteconstitucionalcronologico202454587\/category\/buscar-en-toda-la-corte\/2000\/sentencias-de-unificacion-2000\/' title='Sentencias de Unificaci\u00f3n 2000' class='pt-cv-tax-sentencias-de-unificacion-2000'>Sentencias de Unificaci\u00f3n 2000<\/a><\/div>\n<h4 class=\"pt-cv-title\"><a href=\"https:\/\/www.dmsjuridica.com\/buscador_20179478954\/corteconstitucionalcronologico202454587\/su090-00\/\" class=\"_self\" target=\"_self\" >SU090-00<\/a><\/h4>\n<div class=\"pt-cv-content\">\u00a0 \u00a0 Sentencia SU.090\/00 \u00a0 SENTENCIA DE TUTELA-Incumplimiento sistem\u00e1tico \u00a0 CONSTITUCION POLITICA-Vulneraci\u00f3n sistem\u00e1tica por omisi\u00f3n en el pago de pensiones \u00a0 ESTADO DE COSAS INCONSTITUCIONAL POR OMISION EN EL PAGO DE PENSIONES \u00a0 El estado de cosas inconstitucional se predica de aquellas situaciones en las que (1) se presenta una repetida violaci\u00f3n de derechos fundamentales de muchas personas - que pueden entonces recurrir a la acci\u00f3n de tutela para obtener la defensa de sus derechos y colmar as\u00ed los despachos judiciales - y (2) cuando la causa de esa vulneraci\u00f3n no es imputable \u00fanicamente a la autoridad demandada, sino que ...<br \/><div class=\"pt-cv-rmwrap\"><a href=\"https:\/\/www.dmsjuridica.com\/buscador_20179478954\/corteconstitucionalcronologico202454587\/su090-00\/\" class=\"_self pt-cv-readmore btn btn-success\" target=\"_self\">Ver Sentencia Completa...<\/a><\/div><\/div><\/div><\/div><\/div><\/div><\/div>\n","protected":false},"excerpt":{"rendered":"","protected":false},"author":1,"featured_media":0,"parent":0,"menu_order":0,"comment_status":"closed","ping_status":"closed","template":"","meta":{"footnotes":""},"class_list":["post-29678","page","type-page","status-publish","hentry"],"_links":{"self":[{"href":"https:\/\/www.dmsjuridica.com\/buscador_20179478954\/corteconstitucionalcronologico202454587\/wp-json\/wp\/v2\/pages\/29678","targetHints":{"allow":["GET"]}}],"collection":[{"href":"https:\/\/www.dmsjuridica.com\/buscador_20179478954\/corteconstitucionalcronologico202454587\/wp-json\/wp\/v2\/pages"}],"about":[{"href":"https:\/\/www.dmsjuridica.com\/buscador_20179478954\/corteconstitucionalcronologico202454587\/wp-json\/wp\/v2\/types\/page"}],"author":[{"embeddable":true,"href":"https:\/\/www.dmsjuridica.com\/buscador_20179478954\/corteconstitucionalcronologico202454587\/wp-json\/wp\/v2\/users\/1"}],"replies":[{"embeddable":true,"href":"https:\/\/www.dmsjuridica.com\/buscador_20179478954\/corteconstitucionalcronologico202454587\/wp-json\/wp\/v2\/comments?post=29678"}],"version-history":[{"count":1,"href":"https:\/\/www.dmsjuridica.com\/buscador_20179478954\/corteconstitucionalcronologico202454587\/wp-json\/wp\/v2\/pages\/29678\/revisions"}],"predecessor-version":[{"id":29679,"href":"https:\/\/www.dmsjuridica.com\/buscador_20179478954\/corteconstitucionalcronologico202454587\/wp-json\/wp\/v2\/pages\/29678\/revisions\/29679"}],"wp:attachment":[{"href":"https:\/\/www.dmsjuridica.com\/buscador_20179478954\/corteconstitucionalcronologico202454587\/wp-json\/wp\/v2\/media?parent=29678"}],"curies":[{"name":"wp","href":"https:\/\/api.w.org\/{rel}","templated":true}]}}