{"id":29706,"date":"2024-07-16T11:46:27","date_gmt":"2024-07-16T16:46:27","guid":{"rendered":"https:\/\/www.dmsjuridica.com\/buscador_20179478954\/corteconstitucionalcronologico202454587\/?page_id=29706"},"modified":"2024-07-16T11:46:27","modified_gmt":"2024-07-16T16:46:27","slug":"su-2015","status":"publish","type":"page","link":"https:\/\/www.dmsjuridica.com\/buscador_20179478954\/corteconstitucionalcronologico202454587\/su-2015\/","title":{"rendered":"SU 2015"},"content":{"rendered":"<div class=\"pt-cv-wrapper\"><div class=\"pt-cv-view pt-cv-grid pt-cv-colsys\" id=\"pt-cv-view-be1122a98u\"><div data-id=\"pt-cv-page-1\" class=\"pt-cv-page\" data-cvc=\"1\"><div class=\"col-md-12 col-sm-12 col-xs-12 pt-cv-content-item pt-cv-1-col\" ><div class='pt-cv-ifield'><a href=\"https:\/\/www.dmsjuridica.com\/buscador_20179478954\/corteconstitucionalcronologico202454587\/su696-15\/\" class=\"_self pt-cv-href-thumbnail pt-cv-thumb-default\" target=\"_self\" ><\/a>\n<div class=\"pt-cv-taxoterm above_title\"><a href='https:\/\/www.dmsjuridica.com\/buscador_20179478954\/corteconstitucionalcronologico202454587\/category\/buscar-en-toda-la-corte\/2015\/sentencias-de-unificacion-2015\/' title='Sentencias de Unificaci\u00f3n 2015' class='pt-cv-tax-sentencias-de-unificacion-2015'>Sentencias de Unificaci\u00f3n 2015<\/a><\/div>\n<h4 class=\"pt-cv-title\"><a href=\"https:\/\/www.dmsjuridica.com\/buscador_20179478954\/corteconstitucionalcronologico202454587\/su696-15\/\" class=\"_self\" target=\"_self\" >SU696-15<\/a><\/h4>\n<div class=\"pt-cv-content\">\u00a0 \u00a0 \u00a0 \u00a0 \u00a0 \u00a0SU696-15 \u00a0 \u00a0 \u00a0 \u00a0 \u00a0 \u00a0\u00a0 Sentencia SU696\/15 \u00a0 \u00a0 LEGITIMACION POR ACTIVA DE LOS PADRES DE \u00a0 FAMILIA EN TUTELAS QUE INVOCAN DERECHOS DE SUS HIJOS-Reiteraci\u00f3n \u00a0 de jurisprudencia \u00a0 \u00a0 En aras de proteger los derechos fundamentales de los ni\u00f1os, \u00a0 ni\u00f1as o adolescentes, sus familiares, en especial sus padres, pueden interponer \u00a0 acciones de tutela para asegurar el respeto de los mismos frente a las acciones \u00a0 de las autoridades \u00a0 \u00a0 ACCION DE TUTELA CONTRA \u00a0 ACTUACIONES NOTARIALES-Reiteraci\u00f3n de \u00a0 jurisprudencia \u00a0 \u00a0 Como quiera que los Notarios juegan un ...<br \/><div class=\"pt-cv-rmwrap\"><a href=\"https:\/\/www.dmsjuridica.com\/buscador_20179478954\/corteconstitucionalcronologico202454587\/su696-15\/\" class=\"_self pt-cv-readmore btn btn-success\" target=\"_self\">Ver Sentencia Completa...<\/a><\/div><\/div><\/div><\/div>\n<div class=\"col-md-12 col-sm-12 col-xs-12 pt-cv-content-item pt-cv-1-col\" ><div class='pt-cv-ifield'><a href=\"https:\/\/www.dmsjuridica.com\/buscador_20179478954\/corteconstitucionalcronologico202454587\/su695-15\/\" class=\"_self pt-cv-href-thumbnail pt-cv-thumb-default\" target=\"_self\" ><\/a>\n<div class=\"pt-cv-taxoterm above_title\"><a href='https:\/\/www.dmsjuridica.com\/buscador_20179478954\/corteconstitucionalcronologico202454587\/category\/buscar-en-toda-la-corte\/2015\/sentencias-de-unificacion-2015\/' title='Sentencias de Unificaci\u00f3n 2015' class='pt-cv-tax-sentencias-de-unificacion-2015'>Sentencias de Unificaci\u00f3n 2015<\/a><\/div>\n<h4 class=\"pt-cv-title\"><a href=\"https:\/\/www.dmsjuridica.com\/buscador_20179478954\/corteconstitucionalcronologico202454587\/su695-15\/\" class=\"_self\" target=\"_self\" >SU695-15<\/a><\/h4>\n<div class=\"pt-cv-content\">\u00a0 \u00a0 \u00a0 \u00a0 \u00a0 \u00a0SU695-15 \u00a0 \u00a0 \u00a0 \u00a0 \u00a0 \u00a0\u00a0 Sentencia \u00a0 SU695\/15 \u00a0 \u00a0 MEDIDAS PROVISIONALES-Procedencia seg\u00fan Decreto 2591\/91 art\u00edculo 7\/MEDIDAS PROVISIONALES PARA \u00a0 PROTEGER UN DERECHO \u00a0 \u00a0 MEDIDAS PROVISIONALES-Solo pueden ser adoptadas durante el tr\u00e1mite del \u00a0 proceso o en la sentencia \u00a0 \u00a0 SUSPENSION PROVISIONAL DE ACTOS CONCRETOS POR JUEZ DE TUTELA-Medida debe ser razonada \u00a0 y no arbitraria\/SUSPENSION PROVISIONAL DE ACTOS CONCRETOS POR JUEZ DE TUTELA-Proceden \u00a0 s\u00f3lo cuando sea necesario y urgente proteger un derecho fundamental \u00a0 \u00a0 La medida de suspensi\u00f3n \u00a0 provisional de actos concretos debe ser razonada y no ...<br \/><div class=\"pt-cv-rmwrap\"><a href=\"https:\/\/www.dmsjuridica.com\/buscador_20179478954\/corteconstitucionalcronologico202454587\/su695-15\/\" class=\"_self pt-cv-readmore btn btn-success\" target=\"_self\">Ver Sentencia Completa...<\/a><\/div><\/div><\/div><\/div>\n<div class=\"col-md-12 col-sm-12 col-xs-12 pt-cv-content-item pt-cv-1-col\" ><div class='pt-cv-ifield'><a href=\"https:\/\/www.dmsjuridica.com\/buscador_20179478954\/corteconstitucionalcronologico202454587\/su686-15\/\" class=\"_self pt-cv-href-thumbnail pt-cv-thumb-default\" target=\"_self\" ><\/a>\n<div class=\"pt-cv-taxoterm above_title\"><a href='https:\/\/www.dmsjuridica.com\/buscador_20179478954\/corteconstitucionalcronologico202454587\/category\/buscar-en-toda-la-corte\/2015\/sentencias-de-unificacion-2015\/' title='Sentencias de Unificaci\u00f3n 2015' class='pt-cv-tax-sentencias-de-unificacion-2015'>Sentencias de Unificaci\u00f3n 2015<\/a><\/div>\n<h4 class=\"pt-cv-title\"><a href=\"https:\/\/www.dmsjuridica.com\/buscador_20179478954\/corteconstitucionalcronologico202454587\/su686-15\/\" class=\"_self\" target=\"_self\" >SU686-15<\/a><\/h4>\n<div class=\"pt-cv-content\">\u00a0 \u00a0 \u00a0 \u00a0 \u00a0 \u00a0SU686-15 \u00a0 \u00a0 \u00a0 \u00a0 \u00a0 \u00a0\u00a0 Sentencia SU686\/15 \u00a0 \u00a0 ACCION DE TUTELA CONTRA PROVIDENCIAS JUDICIALES-Procedencia excepcional \u00a0 \u00a0 ACCION DE TUTELA CONTRA PROVIDENCIAS JUDICIALES-Requisitos \u00a0 generales y especiales de procedibilidad\u00a0\u00a0\u00a0 \u00a0 \u00a0 ACCION DE TUTELA CONTRA PROVIDENCIAS JUDICIALES-Relevancia \u00a0 constitucional del requisito general de subsidiariedad para su procedencia \u00a0 excepcional \u00a0 \u00a0 ACCION DE TUTELA CONTRA DECISION DE NO SELECCION \u00a0 DE ACCION POPULAR O DE GRUPO-Procedencia\/ACCION DE TUTELA CONTRA \u00a0 DECISION QUE RESUELVA LA REVISION DE ACCION POPULAR O DE GRUPO-Procedencia \u00a0 \u00a0 REVISION EVENTUAL DE ACCIONES POPULARES Y DE GRUPO POR ...<br \/><div class=\"pt-cv-rmwrap\"><a href=\"https:\/\/www.dmsjuridica.com\/buscador_20179478954\/corteconstitucionalcronologico202454587\/su686-15\/\" class=\"_self pt-cv-readmore btn btn-success\" target=\"_self\">Ver Sentencia Completa...<\/a><\/div><\/div><\/div><\/div>\n<div class=\"col-md-12 col-sm-12 col-xs-12 pt-cv-content-item pt-cv-1-col\" ><div class='pt-cv-ifield'><a href=\"https:\/\/www.dmsjuridica.com\/buscador_20179478954\/corteconstitucionalcronologico202454587\/su659-15\/\" class=\"_self pt-cv-href-thumbnail pt-cv-thumb-default\" target=\"_self\" ><\/a>\n<div class=\"pt-cv-taxoterm above_title\"><a href='https:\/\/www.dmsjuridica.com\/buscador_20179478954\/corteconstitucionalcronologico202454587\/category\/buscar-en-toda-la-corte\/2015\/sentencias-de-unificacion-2015\/' title='Sentencias de Unificaci\u00f3n 2015' class='pt-cv-tax-sentencias-de-unificacion-2015'>Sentencias de Unificaci\u00f3n 2015<\/a><\/div>\n<h4 class=\"pt-cv-title\"><a href=\"https:\/\/www.dmsjuridica.com\/buscador_20179478954\/corteconstitucionalcronologico202454587\/su659-15\/\" class=\"_self\" target=\"_self\" >SU659-15<\/a><\/h4>\n<div class=\"pt-cv-content\">\u00a0 \u00a0 \u00a0 \u00a0 \u00a0 \u00a0SU659-15 \u00a0 \u00a0 \u00a0 \u00a0 \u00a0 \u00a0\u00a0 Sentencia SU659\/15 \u00a0 \u00a0 ACCION DE TUTELA CONTRA PROVIDENCIAS JUDICIALES-Reiteraci\u00f3n \u00a0 de jurisprudencia sobre procedencia excepcional \u00a0 \u00a0 ACCION DE TUTELA CONTRA PROVIDENCIAS JUDICIALES-Requisitos \u00a0 generales y especiales de procedibilidad\u00a0 \u00a0 \u00a0 RECURSO EXTRAORDINARIO DE REVISION COMO MECANISMO DE DEFENSA \u00a0 JUDICIAL-Idoneidad y eficacia \u00a0 \u00a0 El recurso ser\u00e1 eficaz cuando \u201ci) la \u00fanica violaci\u00f3n alegada sea el derecho al debido proceso y, \u00a0 eventualmente, la de otros derechos que no tienen car\u00e1cter fundamental\u201d, \u00a0 o \u201cii) cuando el derecho \u00a0 fundamental cuya protecci\u00f3n se solicita sea susceptible ...<br \/><div class=\"pt-cv-rmwrap\"><a href=\"https:\/\/www.dmsjuridica.com\/buscador_20179478954\/corteconstitucionalcronologico202454587\/su659-15\/\" class=\"_self pt-cv-readmore btn btn-success\" target=\"_self\">Ver Sentencia Completa...<\/a><\/div><\/div><\/div><\/div>\n<div class=\"col-md-12 col-sm-12 col-xs-12 pt-cv-content-item pt-cv-1-col\" ><div class='pt-cv-ifield'><a href=\"https:\/\/www.dmsjuridica.com\/buscador_20179478954\/corteconstitucionalcronologico202454587\/su658-15\/\" class=\"_self pt-cv-href-thumbnail pt-cv-thumb-default\" target=\"_self\" ><\/a>\n<div class=\"pt-cv-taxoterm above_title\"><a href='https:\/\/www.dmsjuridica.com\/buscador_20179478954\/corteconstitucionalcronologico202454587\/category\/buscar-en-toda-la-corte\/2015\/sentencias-de-unificacion-2015\/' title='Sentencias de Unificaci\u00f3n 2015' class='pt-cv-tax-sentencias-de-unificacion-2015'>Sentencias de Unificaci\u00f3n 2015<\/a><\/div>\n<h4 class=\"pt-cv-title\"><a href=\"https:\/\/www.dmsjuridica.com\/buscador_20179478954\/corteconstitucionalcronologico202454587\/su658-15\/\" class=\"_self\" target=\"_self\" >SU658-15<\/a><\/h4>\n<div class=\"pt-cv-content\">\u00a0 \u00a0 \u00a0 \u00a0 \u00a0 \u00a0SU658-15 \u00a0 \u00a0 \u00a0 \u00a0 \u00a0 \u00a0\u00a0 Sentencia SU658\/15 \u00a0 \u00a0 ACCION DE TUTELA CONTRA PROVIDENCIAS \u00a0 JUDICIALES-Reiteraci\u00f3n de jurisprudencia sobre procedencia excepcional \u00a0 \u00a0 ACCION DE TUTELA CONTRA PROVIDENCIAS \u00a0 JUDICIALES-Requisitos generales y especiales de \u00a0 procedibilidad \u00a0 \u00a0 TEORIA DEL AGOTAMIENTO DE \u00a0 JURISDICCION-Concepto y alcance \u00a0 \u00a0 La figura del \u00a0 agotamiento de la jurisdicci\u00f3n fue creada jurisprudencialmente por el Consejo de \u00a0 Estado en 1986, en una decisi\u00f3n en la que\u00a0la \u00a0 Secci\u00f3n Quinta neg\u00f3 la acumulaci\u00f3n de dos procesos electorales por tener la \u00a0 misma\u00a0causa petendi\u00a0e id\u00e9nticas pretensiones. Adicionalmente, expres\u00f3 ...<br \/><div class=\"pt-cv-rmwrap\"><a href=\"https:\/\/www.dmsjuridica.com\/buscador_20179478954\/corteconstitucionalcronologico202454587\/su658-15\/\" class=\"_self pt-cv-readmore btn btn-success\" target=\"_self\">Ver Sentencia Completa...<\/a><\/div><\/div><\/div><\/div>\n<div class=\"col-md-12 col-sm-12 col-xs-12 pt-cv-content-item pt-cv-1-col\" ><div class='pt-cv-ifield'><a href=\"https:\/\/www.dmsjuridica.com\/buscador_20179478954\/corteconstitucionalcronologico202454587\/su636-15\/\" class=\"_self pt-cv-href-thumbnail pt-cv-thumb-default\" target=\"_self\" ><\/a>\n<div class=\"pt-cv-taxoterm above_title\"><a href='https:\/\/www.dmsjuridica.com\/buscador_20179478954\/corteconstitucionalcronologico202454587\/category\/buscar-en-toda-la-corte\/2015\/sentencias-de-unificacion-2015\/' title='Sentencias de Unificaci\u00f3n 2015' class='pt-cv-tax-sentencias-de-unificacion-2015'>Sentencias de Unificaci\u00f3n 2015<\/a><\/div>\n<h4 class=\"pt-cv-title\"><a href=\"https:\/\/www.dmsjuridica.com\/buscador_20179478954\/corteconstitucionalcronologico202454587\/su636-15\/\" class=\"_self\" target=\"_self\" >SU636-15<\/a><\/h4>\n<div class=\"pt-cv-content\">\u00a0 \u00a0 \u00a0 \u00a0 \u00a0 \u00a0SU636-15 \u00a0 \u00a0 \u00a0 \u00a0 \u00a0 \u00a0\u00a0 Sentencia \u00a0 SU636\/15 \u00a0 \u00a0 \u00a0 ACCION DE TUTELA CONTRA PROVIDENCIAS JUDICIALES-Reiteraci\u00f3n de jurisprudencia \u00a0 sobre procedencia excepcional \u00a0 \u00a0 ACCION DE TUTELA CONTRA PROVIDENCIAS JUDICIALES-Requisitos generales y \u00a0 especiales de procedibilidad\u00a0 \u00a0 \u00a0 DERECHOS DE LAS VICTIMAS A UN RECURSO JUDICIAL EFECTIVO-Reiteraci\u00f3n de jurisprudencia \u00a0 \u00a0 LEY DE VICTIMAS Y RESTITUCION DE TIERRAS-Ley 1448 de 2011 ha \u00a0 implementado mecanismos de defensa especializados en resolver el fen\u00f3meno del \u00a0 despojo de tierras\u00a0 \u00a0 \u00a0 La Ley 1448 de 2011 o\u00a0Ley de V\u00edctimas\u00a0constituye un cuerpo \u00a0 normativo de ...<br \/><div class=\"pt-cv-rmwrap\"><a href=\"https:\/\/www.dmsjuridica.com\/buscador_20179478954\/corteconstitucionalcronologico202454587\/su636-15\/\" class=\"_self pt-cv-readmore btn btn-success\" target=\"_self\">Ver Sentencia Completa...<\/a><\/div><\/div><\/div><\/div>\n<div class=\"col-md-12 col-sm-12 col-xs-12 pt-cv-content-item pt-cv-1-col\" ><div class='pt-cv-ifield'><a href=\"https:\/\/www.dmsjuridica.com\/buscador_20179478954\/corteconstitucionalcronologico202454587\/su635-15\/\" class=\"_self pt-cv-href-thumbnail pt-cv-thumb-default\" target=\"_self\" ><\/a>\n<div class=\"pt-cv-taxoterm above_title\"><a href='https:\/\/www.dmsjuridica.com\/buscador_20179478954\/corteconstitucionalcronologico202454587\/category\/buscar-en-toda-la-corte\/2015\/sentencias-de-unificacion-2015\/' title='Sentencias de Unificaci\u00f3n 2015' class='pt-cv-tax-sentencias-de-unificacion-2015'>Sentencias de Unificaci\u00f3n 2015<\/a><\/div>\n<h4 class=\"pt-cv-title\"><a href=\"https:\/\/www.dmsjuridica.com\/buscador_20179478954\/corteconstitucionalcronologico202454587\/su635-15\/\" class=\"_self\" target=\"_self\" >SU635-15<\/a><\/h4>\n<div class=\"pt-cv-content\">\u00a0 \u00a0 \u00a0 \u00a0 \u00a0 \u00a0SU635-15 \u00a0 \u00a0 \u00a0 \u00a0 \u00a0 \u00a0\u00a0 Sentencia \u00a0 SU635\/15 \u00a0 \u00a0 ACCION DE TUTELA CONTRA PROVIDENCIAS \u00a0 JUDICIALES-Reiteraci\u00f3n de jurisprudencia sobre \u00a0 procedencia excepcional \u00a0 \u00a0 Seg\u00fan lo ha \u00a0 expresado esta Corporaci\u00f3n, la tutela contra decisiones judiciales es de alcance \u00a0 excepcional y restringido y se predica \u00a0 s\u00f3lo de aquellos eventos en los que pueda considerarse que una actuaci\u00f3n del \u00a0 juzgador es manifiestamente contraria al orden jur\u00eddico o al precedente judicial \u00a0 aplicable, y violatoria de derechos fundamentales como los derechos al debido \u00a0 proceso y al acceso a la administraci\u00f3n ...<br \/><div class=\"pt-cv-rmwrap\"><a href=\"https:\/\/www.dmsjuridica.com\/buscador_20179478954\/corteconstitucionalcronologico202454587\/su635-15\/\" class=\"_self pt-cv-readmore btn btn-success\" target=\"_self\">Ver Sentencia Completa...<\/a><\/div><\/div><\/div><\/div>\n<div class=\"col-md-12 col-sm-12 col-xs-12 pt-cv-content-item pt-cv-1-col\" ><div class='pt-cv-ifield'><a href=\"https:\/\/www.dmsjuridica.com\/buscador_20179478954\/corteconstitucionalcronologico202454587\/su627-15\/\" class=\"_self pt-cv-href-thumbnail pt-cv-thumb-default\" target=\"_self\" ><\/a>\n<div class=\"pt-cv-taxoterm above_title\"><a href='https:\/\/www.dmsjuridica.com\/buscador_20179478954\/corteconstitucionalcronologico202454587\/category\/buscar-en-toda-la-corte\/2015\/sentencias-de-unificacion-2015\/' title='Sentencias de Unificaci\u00f3n 2015' class='pt-cv-tax-sentencias-de-unificacion-2015'>Sentencias de Unificaci\u00f3n 2015<\/a><\/div>\n<h4 class=\"pt-cv-title\"><a href=\"https:\/\/www.dmsjuridica.com\/buscador_20179478954\/corteconstitucionalcronologico202454587\/su627-15\/\" class=\"_self\" target=\"_self\" >SU627-15<\/a><\/h4>\n<div class=\"pt-cv-content\">\u00a0 \u00a0 \u00a0 \u00a0 \u00a0 \u00a0SU627-15 \u00a0 \u00a0 \u00a0 \u00a0 \u00a0 \u00a0\u00a0 \u00a0\u00a0\u00a0\u00a0\u00a0\u00a0\u00a0\u00a0\u00a0\u00a0\u00a0\u00a0\u00a0\u00a0\u00a0\u00a0\u00a0\u00a0\u00a0\u00a0\u00a0\u00a0\u00a0\u00a0\u00a0\u00a0\u00a0\u00a0\u00a0\u00a0\u00a0\u00a0\u00a0\u00a0\u00a0\u00a0\u00a0\u00a0\u00a0\u00a0\u00a0\u00a0 \u00a0 Sentencia SU627\/15 \u00a0 \u00a0 (Bogot\u00e1, D.C., 1 de octubre de 2015) \u00a0 \u00a0 PRINCIPIO DE SUBSIDIARIEDAD E INMEDIATEZ EN LA ACCION DE TUTELA-Requisitos \u00a0 de procedibilidad\u00a0 \u00a0 \u00a0 ACCION DE TUTELA CONTRA SENTENCIA DE TUTELA-Caso \u00a0 en que la \u00a0 vulneraci\u00f3n de los derechos se predica de la omisi\u00f3n del juez en el cumplimiento \u00a0 de su deber de vincular al proceso a todas las personas que pueden verse \u00a0 afectados con la decisi\u00f3n que se tome, para que puedan ejercer su derecho a la \u00a0 ...<br \/><div class=\"pt-cv-rmwrap\"><a href=\"https:\/\/www.dmsjuridica.com\/buscador_20179478954\/corteconstitucionalcronologico202454587\/su627-15\/\" class=\"_self pt-cv-readmore btn btn-success\" target=\"_self\">Ver Sentencia Completa...<\/a><\/div><\/div><\/div><\/div>\n<div class=\"col-md-12 col-sm-12 col-xs-12 pt-cv-content-item pt-cv-1-col\" ><div class='pt-cv-ifield'><a href=\"https:\/\/www.dmsjuridica.com\/buscador_20179478954\/corteconstitucionalcronologico202454587\/su626-15\/\" class=\"_self pt-cv-href-thumbnail pt-cv-thumb-default\" target=\"_self\" ><\/a>\n<div class=\"pt-cv-taxoterm above_title\"><a href='https:\/\/www.dmsjuridica.com\/buscador_20179478954\/corteconstitucionalcronologico202454587\/category\/buscar-en-toda-la-corte\/2015\/sentencias-de-unificacion-2015\/' title='Sentencias de Unificaci\u00f3n 2015' class='pt-cv-tax-sentencias-de-unificacion-2015'>Sentencias de Unificaci\u00f3n 2015<\/a><\/div>\n<h4 class=\"pt-cv-title\"><a href=\"https:\/\/www.dmsjuridica.com\/buscador_20179478954\/corteconstitucionalcronologico202454587\/su626-15\/\" class=\"_self\" target=\"_self\" >SU626-15<\/a><\/h4>\n<div class=\"pt-cv-content\">\u00a0 \u00a0 \u00a0 \u00a0 \u00a0 \u00a0SU626-15 \u00a0 \u00a0 \u00a0 \u00a0 \u00a0 \u00a0\u00a0 Sentencia SU626\/15 \u00a0 \u00a0 (Bogot\u00e1 \u00a0 D.C., 1 de octubre de 2015) \u00a0 \u00a0 PRINCIPIO DE SUBSIDIARIEDAD E \u00a0 INMEDIATEZ EN LA ACCION DE TUTELA-Requisitos de procedibilidad\u00a0 \u00a0 \u00a0 LIBERTAD RELIGIOSA Y DE CULTOS-Alcance de la protecci\u00f3n\u00a0 \u00a0 \u00a0 El reconocimiento y protecci\u00f3n de la libertad religiosa y de cultos impone al \u00a0 Estado la obligaci\u00f3n no solo de abstenerse de adoptar medidas que puedan afectar \u00a0 indebidamente su ejercicio sino tambi\u00e9n la obligaci\u00f3n de adoptar y aplicar \u00a0 normas que aseguren su respeto. Se trata de la ...<br \/><div class=\"pt-cv-rmwrap\"><a href=\"https:\/\/www.dmsjuridica.com\/buscador_20179478954\/corteconstitucionalcronologico202454587\/su626-15\/\" class=\"_self pt-cv-readmore btn btn-success\" target=\"_self\">Ver Sentencia Completa...<\/a><\/div><\/div><\/div><\/div>\n<div class=\"col-md-12 col-sm-12 col-xs-12 pt-cv-content-item pt-cv-1-col\" ><div class='pt-cv-ifield'><a href=\"https:\/\/www.dmsjuridica.com\/buscador_20179478954\/corteconstitucionalcronologico202454587\/su625-15\/\" class=\"_self pt-cv-href-thumbnail pt-cv-thumb-default\" target=\"_self\" ><\/a>\n<div class=\"pt-cv-taxoterm above_title\"><a href='https:\/\/www.dmsjuridica.com\/buscador_20179478954\/corteconstitucionalcronologico202454587\/category\/buscar-en-toda-la-corte\/2015\/sentencias-de-unificacion-2015\/' title='Sentencias de Unificaci\u00f3n 2015' class='pt-cv-tax-sentencias-de-unificacion-2015'>Sentencias de Unificaci\u00f3n 2015<\/a><\/div>\n<h4 class=\"pt-cv-title\"><a href=\"https:\/\/www.dmsjuridica.com\/buscador_20179478954\/corteconstitucionalcronologico202454587\/su625-15\/\" class=\"_self\" target=\"_self\" >SU625-15<\/a><\/h4>\n<div class=\"pt-cv-content\">\u00a0 \u00a0 \u00a0 \u00a0 \u00a0 \u00a0SU625-15 \u00a0 \u00a0 \u00a0 \u00a0 \u00a0 \u00a0\u00a0 Sentencia SU625\/15 \u00a0 \u00a0 ACCION DE TUTELA CONTRA PROVIDENCIAS \u00a0 JUDICIALES-Reiteraci\u00f3n de jurisprudencia sobre procedencia excepcional \u00a0 \u00a0 Solo proceder\u00e1 la acci\u00f3n de tutela contra providencias \u00a0 judiciales,\u00a0\u201cen aquellos eventos en que se establezca una \u00a0 actuaci\u00f3n del juzgador, manifiestamente contraria al orden jur\u00eddico y violatoria \u00a0 de derechos fundamentales, en especial, de los derechos al debido proceso y al \u00a0 acceso a la administraci\u00f3n de justicia. En estos casos, el control en sede de \u00a0 amparo constitucional se justifica, toda vez que los pronunciamientos judiciales \u00a0 que ...<br \/><div class=\"pt-cv-rmwrap\"><a href=\"https:\/\/www.dmsjuridica.com\/buscador_20179478954\/corteconstitucionalcronologico202454587\/su625-15\/\" class=\"_self pt-cv-readmore btn btn-success\" target=\"_self\">Ver Sentencia Completa...<\/a><\/div><\/div><\/div><\/div>\n<div class=\"col-md-12 col-sm-12 col-xs-12 pt-cv-content-item pt-cv-1-col\" ><div class='pt-cv-ifield'><a href=\"https:\/\/www.dmsjuridica.com\/buscador_20179478954\/corteconstitucionalcronologico202454587\/su567-15\/\" class=\"_self pt-cv-href-thumbnail pt-cv-thumb-default\" target=\"_self\" ><\/a>\n<div class=\"pt-cv-taxoterm above_title\"><a href='https:\/\/www.dmsjuridica.com\/buscador_20179478954\/corteconstitucionalcronologico202454587\/category\/buscar-en-toda-la-corte\/2015\/sentencias-de-unificacion-2015\/' title='Sentencias de Unificaci\u00f3n 2015' class='pt-cv-tax-sentencias-de-unificacion-2015'>Sentencias de Unificaci\u00f3n 2015<\/a><\/div>\n<h4 class=\"pt-cv-title\"><a href=\"https:\/\/www.dmsjuridica.com\/buscador_20179478954\/corteconstitucionalcronologico202454587\/su567-15\/\" class=\"_self\" target=\"_self\" >SU567-15<\/a><\/h4>\n<div class=\"pt-cv-content\">\u00a0 \u00a0 \u00a0 \u00a0 \u00a0 \u00a0SU567-15 \u00a0 \u00a0 \u00a0 \u00a0 \u00a0 \u00a0\u00a0 Sentencia \u00a0 SU567\/15 \u00a0 \u00a0 ACCION DE TUTELA CONTRA PROVIDENCIAS \u00a0 JUDICIALES-Reiteraci\u00f3n de jurisprudencia sobre procedencia excepcional \u00a0 \u00a0 ACCION DE TUTELA CONTRA \u00a0 PROVIDENCIAS JUDICIALES-Requisitos generales y especiales de \u00a0 procedibilidad \u00a0 \u00a0 ACCION DE TUTELA \u00a0 CONTRA PROVIDENCIAS JUDICIALES POR DESCONOCIMIENTO DEL PRECEDENTE JUDICIAL-Causal de procedibilidad de la tutela \u00a0 \u00a0 DESCONOCIMIENTO DEL \u00a0 PRECEDENTE JUDICIAL-Reiteraci\u00f3n \u00a0 de jurisprudencia \u00a0 \u00a0 PRINCIPIO DE SUPREMACIA \u00a0 CONSTITUCIONAL-Estricto \u00a0 acatamiento del precedente judicial cuando se trata de jurisprudencia \u00a0 constitucional \u00a0 \u00a0 JURISPRUDENCIA DE LA CORTE \u00a0 CONSTITUCIONAL-Formas ...<br \/><div class=\"pt-cv-rmwrap\"><a href=\"https:\/\/www.dmsjuridica.com\/buscador_20179478954\/corteconstitucionalcronologico202454587\/su567-15\/\" class=\"_self pt-cv-readmore btn btn-success\" target=\"_self\">Ver Sentencia Completa...<\/a><\/div><\/div><\/div><\/div>\n<div class=\"col-md-12 col-sm-12 col-xs-12 pt-cv-content-item pt-cv-1-col\" ><div class='pt-cv-ifield'><a href=\"https:\/\/www.dmsjuridica.com\/buscador_20179478954\/corteconstitucionalcronologico202454587\/su566-15\/\" class=\"_self pt-cv-href-thumbnail pt-cv-thumb-default\" target=\"_self\" ><\/a>\n<div class=\"pt-cv-taxoterm above_title\"><a href='https:\/\/www.dmsjuridica.com\/buscador_20179478954\/corteconstitucionalcronologico202454587\/category\/buscar-en-toda-la-corte\/2015\/sentencias-de-unificacion-2015\/' title='Sentencias de Unificaci\u00f3n 2015' class='pt-cv-tax-sentencias-de-unificacion-2015'>Sentencias de Unificaci\u00f3n 2015<\/a><\/div>\n<h4 class=\"pt-cv-title\"><a href=\"https:\/\/www.dmsjuridica.com\/buscador_20179478954\/corteconstitucionalcronologico202454587\/su566-15\/\" class=\"_self\" target=\"_self\" >SU566-15<\/a><\/h4>\n<div class=\"pt-cv-content\">\u00a0 \u00a0 \u00a0 \u00a0 \u00a0 \u00a0SU566-15 \u00a0 \u00a0 \u00a0 \u00a0 \u00a0 \u00a0\u00a0 Sentencia SU566\/15 \u00a0 \u00a0\u00a0 ACCION DE TUTELA CONTRA \u00a0 PROVIDENCIAS JUDICIALES-Requisitos generales y especiales de procedibilidad\u00a0 \u00a0 \u00a0 CARACTERIZACION DEL DEFECTO MATERIAL O SUSTANTIVO COMO CAUSAL DE PROCEDIBILIDAD \u00a0 DE LA ACCION DE TUTELA CONTRA PROVIDENCIAS JUDICIALES-Reiteraci\u00f3n de \u00a0 jurisprudencia\u00a0 \u00a0 \u00a0 Defecto sustantivo o material\u00a0se presenta cuando la autoridad judicial aplica una norma claramente inaplicable al \u00a0 caso o deja de aplicar la que evidentemente lo es, u opta por una interpretaci\u00f3n \u00a0 que contrar\u00ede los postulados m\u00ednimos de la razonabilidad jur\u00eddica. \u00a0 \u00a0 CARACTERIZACION DEL DEFECTO ...<br \/><div class=\"pt-cv-rmwrap\"><a href=\"https:\/\/www.dmsjuridica.com\/buscador_20179478954\/corteconstitucionalcronologico202454587\/su566-15\/\" class=\"_self pt-cv-readmore btn btn-success\" target=\"_self\">Ver Sentencia Completa...<\/a><\/div><\/div><\/div><\/div>\n<div class=\"col-md-12 col-sm-12 col-xs-12 pt-cv-content-item pt-cv-1-col\" ><div class='pt-cv-ifield'><a href=\"https:\/\/www.dmsjuridica.com\/buscador_20179478954\/corteconstitucionalcronologico202454587\/su565-15\/\" class=\"_self pt-cv-href-thumbnail pt-cv-thumb-default\" target=\"_self\" ><\/a>\n<div class=\"pt-cv-taxoterm above_title\"><a href='https:\/\/www.dmsjuridica.com\/buscador_20179478954\/corteconstitucionalcronologico202454587\/category\/buscar-en-toda-la-corte\/2015\/sentencias-de-unificacion-2015\/' title='Sentencias de Unificaci\u00f3n 2015' class='pt-cv-tax-sentencias-de-unificacion-2015'>Sentencias de Unificaci\u00f3n 2015<\/a><\/div>\n<h4 class=\"pt-cv-title\"><a href=\"https:\/\/www.dmsjuridica.com\/buscador_20179478954\/corteconstitucionalcronologico202454587\/su565-15\/\" class=\"_self\" target=\"_self\" >SU565-15<\/a><\/h4>\n<div class=\"pt-cv-content\">\u00a0 \u00a0 \u00a0 \u00a0 \u00a0 \u00a0SU565-15 \u00a0 \u00a0 \u00a0 \u00a0 \u00a0 \u00a0\u00a0 \u00a0\u00a0\u00a0\u00a0\u00a0\u00a0\u00a0\u00a0\u00a0\u00a0\u00a0\u00a0\u00a0\u00a0\u00a0\u00a0\u00a0\u00a0\u00a0\u00a0\u00a0\u00a0\u00a0\u00a0\u00a0\u00a0\u00a0\u00a0\u00a0\u00a0\u00a0\u00a0\u00a0\u00a0\u00a0\u00a0\u00a0\u00a0\u00a0\u00a0\u00a0\u00a0 \u00a0 Sentencia SU565\/15 \u00a0 \u00a0 (Bogot\u00e1, D.C., 3 de septiembre de 2015) \u00a0 \u00a0 ACCION DE TUTELA CONTRA PROVIDENCIAS JUDICIALES-Reiteraci\u00f3n de jurisprudencia sobre procedencia excepcional \u00a0 \u00a0 ACCION DE TUTELA CONTRA PROVIDENCIAS JUDICIALES-Requisitos generales y especiales de \u00a0 procedibilidad \u00a0 \u00a0 CARACTERIZACION DEL DEFECTO ORGANICO \u00a0 \u00a0 El defecto org\u00e1nico se funda en la garant\u00eda constitucional \u00a0 del juez natural, prevista en el art\u00edculo 29 de la Constituci\u00f3n. Este defecto se \u00a0 configura cuando una persona o un asunto son juzgados por un funcionario que \u00a0 carece ...<br \/><div class=\"pt-cv-rmwrap\"><a href=\"https:\/\/www.dmsjuridica.com\/buscador_20179478954\/corteconstitucionalcronologico202454587\/su565-15\/\" class=\"_self pt-cv-readmore btn btn-success\" target=\"_self\">Ver Sentencia Completa...<\/a><\/div><\/div><\/div><\/div>\n<div class=\"col-md-12 col-sm-12 col-xs-12 pt-cv-content-item pt-cv-1-col\" ><div class='pt-cv-ifield'><a href=\"https:\/\/www.dmsjuridica.com\/buscador_20179478954\/corteconstitucionalcronologico202454587\/su553-15\/\" class=\"_self pt-cv-href-thumbnail pt-cv-thumb-default\" target=\"_self\" ><\/a>\n<div class=\"pt-cv-taxoterm above_title\"><a href='https:\/\/www.dmsjuridica.com\/buscador_20179478954\/corteconstitucionalcronologico202454587\/category\/buscar-en-toda-la-corte\/2015\/sentencias-de-unificacion-2015\/' title='Sentencias de Unificaci\u00f3n 2015' class='pt-cv-tax-sentencias-de-unificacion-2015'>Sentencias de Unificaci\u00f3n 2015<\/a><\/div>\n<h4 class=\"pt-cv-title\"><a href=\"https:\/\/www.dmsjuridica.com\/buscador_20179478954\/corteconstitucionalcronologico202454587\/su553-15\/\" class=\"_self\" target=\"_self\" >SU553-15<\/a><\/h4>\n<div class=\"pt-cv-content\">\u00a0 \u00a0 \u00a0 \u00a0 \u00a0 \u00a0SU553-15 \u00a0 \u00a0 \u00a0 \u00a0 \u00a0 \u00a0\u00a0 Sentencia SU553\/15 \u00a0 \u00a0 (Bogot\u00e1, D.C., 27 \u00a0 de agosto) \u00a0 \u00a0 ACCION DE TUTELA CONTRA \u00a0 PROVIDENCIAS JUDICIALES-Requisitos generales y especiales de procedibilidad \u00a0 \u00a0 ACCION DE TUTELA FRENTE A ACTOS \u00a0 ADMINISTRATIVOS EN MATERIA DE CONCURSO DE MERITOS-Procedencia excepcional \u00a0 para evitar perjuicio irremediable por cuanto lista de elegibles pierde vigencia \u00a0 \u00a0 La jurisprudencia constitucional ha determinado que \u00a0 existen casos excepcionales en los que no opera la regla general de \u00a0 improcedencia de la acci\u00f3n de tutela contra este tipo de actos administrativos. \u00a0 ...<br \/><div class=\"pt-cv-rmwrap\"><a href=\"https:\/\/www.dmsjuridica.com\/buscador_20179478954\/corteconstitucionalcronologico202454587\/su553-15\/\" class=\"_self pt-cv-readmore btn btn-success\" target=\"_self\">Ver Sentencia Completa...<\/a><\/div><\/div><\/div><\/div>\n<div class=\"col-md-12 col-sm-12 col-xs-12 pt-cv-content-item pt-cv-1-col\" ><div class='pt-cv-ifield'><a href=\"https:\/\/www.dmsjuridica.com\/buscador_20179478954\/corteconstitucionalcronologico202454587\/su501-15\/\" class=\"_self pt-cv-href-thumbnail pt-cv-thumb-default\" target=\"_self\" ><\/a>\n<div class=\"pt-cv-taxoterm above_title\"><a href='https:\/\/www.dmsjuridica.com\/buscador_20179478954\/corteconstitucionalcronologico202454587\/category\/buscar-en-toda-la-corte\/2015\/sentencias-de-unificacion-2015\/' title='Sentencias de Unificaci\u00f3n 2015' class='pt-cv-tax-sentencias-de-unificacion-2015'>Sentencias de Unificaci\u00f3n 2015<\/a><\/div>\n<h4 class=\"pt-cv-title\"><a href=\"https:\/\/www.dmsjuridica.com\/buscador_20179478954\/corteconstitucionalcronologico202454587\/su501-15\/\" class=\"_self\" target=\"_self\" >SU501-15<\/a><\/h4>\n<div class=\"pt-cv-content\">\u00a0 \u00a0 \u00a0 \u00a0 \u00a0 \u00a0SU501-15 \u00a0 \u00a0 \u00a0 \u00a0 \u00a0 \u00a0\u00a0 Sentencia SU501\/15 \u00a0 \u00a0 ACCION DE TUTELA CONTRA SENTENCIA EN \u00a0 PROCESO DE PERDIDA DE INVESTIDURA DE CONCEJAL-Caso en que accionante present\u00f3 excusa para no tomar \u00a0 posesi\u00f3n en el cargo porque su compa\u00f1era permanente ser\u00eda nombrada Secretaria de \u00a0 Gobierno de la Alcald\u00eda Distrital \u00a0 \u00a0 ACCION DE TUTELA CONTRA PROVIDENCIAS \u00a0 JUDICIALES-Requisitos \u00a0 generales y especiales de procedibilidad \u00a0 \u00a0 CARACTERIZACION DEL DEFECTO MATERIAL O \u00a0 SUSTANTIVO COMO CAUSAL DE PROCEDIBILIDAD DE LA ACCION DE TUTELA CONTRA \u00a0 PROVIDENCIAS JUDICIALES-En \u00a0 casos de interpretaci\u00f3n irrazonable \u00a0 ...<br \/><div class=\"pt-cv-rmwrap\"><a href=\"https:\/\/www.dmsjuridica.com\/buscador_20179478954\/corteconstitucionalcronologico202454587\/su501-15\/\" class=\"_self pt-cv-readmore btn btn-success\" target=\"_self\">Ver Sentencia Completa...<\/a><\/div><\/div><\/div><\/div>\n<div class=\"col-md-12 col-sm-12 col-xs-12 pt-cv-content-item pt-cv-1-col\" ><div class='pt-cv-ifield'><a href=\"https:\/\/www.dmsjuridica.com\/buscador_20179478954\/corteconstitucionalcronologico202454587\/su500-15\/\" class=\"_self pt-cv-href-thumbnail pt-cv-thumb-default\" target=\"_self\" ><\/a>\n<div class=\"pt-cv-taxoterm above_title\"><a href='https:\/\/www.dmsjuridica.com\/buscador_20179478954\/corteconstitucionalcronologico202454587\/category\/buscar-en-toda-la-corte\/2015\/sentencias-de-unificacion-2015\/' title='Sentencias de Unificaci\u00f3n 2015' class='pt-cv-tax-sentencias-de-unificacion-2015'>Sentencias de Unificaci\u00f3n 2015<\/a><\/div>\n<h4 class=\"pt-cv-title\"><a href=\"https:\/\/www.dmsjuridica.com\/buscador_20179478954\/corteconstitucionalcronologico202454587\/su500-15\/\" class=\"_self\" target=\"_self\" >SU500-15<\/a><\/h4>\n<div class=\"pt-cv-content\">\u00a0 \u00a0 \u00a0 \u00a0 \u00a0 \u00a0SU500-15 \u00a0 \u00a0 \u00a0 \u00a0 \u00a0 \u00a0\u00a0 Sentencia SU500\/15 \u00a0 \u00a0 ACCION DE TUTELA CONTRA LAUDO ARBITRAL-Procedencia excepcional por vulneraci\u00f3n de \u00a0 derechos fundamentales\/ACCION DE TUTELA CONTRA LAUDO ARBITRAL-Improcedencia \u00a0 general \u00a0 \u00a0 La posibilidad de reprochar una decisi\u00f3n arbitral por \u00a0 medio de la acci\u00f3n de tutela obedece a una equivalencia, al menos material, del \u00a0 laudo arbitral con una providencia judicial, pues como se indic\u00f3 en la Sentencia \u00a0 C-242 de 1997 tales laudos son, tambi\u00e9n, decisiones eminentemente \u00a0 jurisdiccionales. As\u00ed \u00a0 como sucede con las sentencias judiciales, tambi\u00e9n tenga cabida la acci\u00f3n ...<br \/><div class=\"pt-cv-rmwrap\"><a href=\"https:\/\/www.dmsjuridica.com\/buscador_20179478954\/corteconstitucionalcronologico202454587\/su500-15\/\" class=\"_self pt-cv-readmore btn btn-success\" target=\"_self\">Ver Sentencia Completa...<\/a><\/div><\/div><\/div><\/div>\n<div class=\"col-md-12 col-sm-12 col-xs-12 pt-cv-content-item pt-cv-1-col\" ><div class='pt-cv-ifield'><a href=\"https:\/\/www.dmsjuridica.com\/buscador_20179478954\/corteconstitucionalcronologico202454587\/su432-15\/\" class=\"_self pt-cv-href-thumbnail pt-cv-thumb-default\" target=\"_self\" ><\/a>\n<div class=\"pt-cv-taxoterm above_title\"><a href='https:\/\/www.dmsjuridica.com\/buscador_20179478954\/corteconstitucionalcronologico202454587\/category\/buscar-en-toda-la-corte\/2015\/sentencias-de-unificacion-2015\/' title='Sentencias de Unificaci\u00f3n 2015' class='pt-cv-tax-sentencias-de-unificacion-2015'>Sentencias de Unificaci\u00f3n 2015<\/a><\/div>\n<h4 class=\"pt-cv-title\"><a href=\"https:\/\/www.dmsjuridica.com\/buscador_20179478954\/corteconstitucionalcronologico202454587\/su432-15\/\" class=\"_self\" target=\"_self\" >SU432-15<\/a><\/h4>\n<div class=\"pt-cv-content\">\u00a0 \u00a0 \u00a0 \u00a0 \u00a0 \u00a0SU432-15 \u00a0 \u00a0 \u00a0 \u00a0 \u00a0 \u00a0\u00a0 Sentencia SU432\/15 \u00a0 \u00a0 SENTENCIA DE UNIFICACION-Finalidad \u00a0 \u00a0 ACCION DE TUTELA CONTRA PROVIDENCIAS JUDICIALES-Reiteraci\u00f3n de jurisprudencia sobre procedencia \u00a0 excepcional\u00a0 \u00a0 \u00a0 ACCION DE TUTELA CONTRA PROVIDENCIAS JUDICIALES-Requisitos generales y especiales de procedibilidad\u00a0 \u00a0 \u00a0 CARACTERIZACION DEL DEFECTO POR DESCONOCIMIENTO DEL PRECEDENTE JUDICIAL \u00a0 \u00a0 RESPETO DE DECISIONES JUDICIALES-Precedente horizontal y precedente vertical\u00a0 \u00a0 \u00a0 PRECEDENTE JUDICIAL-Jueces \u00a0 pueden apartarse si exponen razones que justifiquen su decisi\u00f3n\u00a0 \u00a0 \u00a0 CARACTERIZACION DEL DEFECTO FACTICO COMO CAUSAL ESPECIFICA DE \u00a0 PROCEDIBILIDAD DE LA ACCION DE TUTELA CONTRA PROVIDENCIAS JUDICIALES\u00a0 ...<br \/><div class=\"pt-cv-rmwrap\"><a href=\"https:\/\/www.dmsjuridica.com\/buscador_20179478954\/corteconstitucionalcronologico202454587\/su432-15\/\" class=\"_self pt-cv-readmore btn btn-success\" target=\"_self\">Ver Sentencia Completa...<\/a><\/div><\/div><\/div><\/div>\n<div class=\"col-md-12 col-sm-12 col-xs-12 pt-cv-content-item pt-cv-1-col\" ><div class='pt-cv-ifield'><a href=\"https:\/\/www.dmsjuridica.com\/buscador_20179478954\/corteconstitucionalcronologico202454587\/su431-15\/\" class=\"_self pt-cv-href-thumbnail pt-cv-thumb-default\" target=\"_self\" ><\/a>\n<div class=\"pt-cv-taxoterm above_title\"><a href='https:\/\/www.dmsjuridica.com\/buscador_20179478954\/corteconstitucionalcronologico202454587\/category\/buscar-en-toda-la-corte\/2015\/sentencias-de-unificacion-2015\/' title='Sentencias de Unificaci\u00f3n 2015' class='pt-cv-tax-sentencias-de-unificacion-2015'>Sentencias de Unificaci\u00f3n 2015<\/a><\/div>\n<h4 class=\"pt-cv-title\"><a href=\"https:\/\/www.dmsjuridica.com\/buscador_20179478954\/corteconstitucionalcronologico202454587\/su431-15\/\" class=\"_self\" target=\"_self\" >SU431-15<\/a><\/h4>\n<div class=\"pt-cv-content\">\u00a0 \u00a0 \u00a0 \u00a0 \u00a0 \u00a0SU431-15 \u00a0 \u00a0 \u00a0 \u00a0 \u00a0 \u00a0\u00a0 Sentencia SU431\/15 \u00a0 \u00a0 ACCION DE TUTELA CONTRA ACTO \u00a0 ADMINISTRATIVO SANCIONATORIO-Improcedencia general \u00a0 \u00a0 CONTROL FISCAL-Importancia \u00a0 en el Estado de Derecho \u00a0 \u00a0 CONTROL FISCAL EN LA CONSTITUCION \u00a0 VIGENTE \u00a0 \u00a0 En el art\u00edculo 267 de la Constituci\u00f3n \u00a0 Pol\u00edtica se establece que la Contralor\u00eda General de la Rep\u00fablica es la entidad \u00a0 encargada de ejercer el control fiscal, esto es, de vigilar la gesti\u00f3n fiscal de \u00a0 la administraci\u00f3n y de los particulares o entidades que manejen fondos o bienes \u00a0 de la Naci\u00f3n ...<br \/><div class=\"pt-cv-rmwrap\"><a href=\"https:\/\/www.dmsjuridica.com\/buscador_20179478954\/corteconstitucionalcronologico202454587\/su431-15\/\" class=\"_self pt-cv-readmore btn btn-success\" target=\"_self\">Ver Sentencia Completa...<\/a><\/div><\/div><\/div><\/div>\n<div class=\"col-md-12 col-sm-12 col-xs-12 pt-cv-content-item pt-cv-1-col\" ><div class='pt-cv-ifield'><a href=\"https:\/\/www.dmsjuridica.com\/buscador_20179478954\/corteconstitucionalcronologico202454587\/su416-15\/\" class=\"_self pt-cv-href-thumbnail pt-cv-thumb-default\" target=\"_self\" ><\/a>\n<div class=\"pt-cv-taxoterm above_title\"><a href='https:\/\/www.dmsjuridica.com\/buscador_20179478954\/corteconstitucionalcronologico202454587\/category\/buscar-en-toda-la-corte\/2015\/sentencias-de-unificacion-2015\/' title='Sentencias de Unificaci\u00f3n 2015' class='pt-cv-tax-sentencias-de-unificacion-2015'>Sentencias de Unificaci\u00f3n 2015<\/a><\/div>\n<h4 class=\"pt-cv-title\"><a href=\"https:\/\/www.dmsjuridica.com\/buscador_20179478954\/corteconstitucionalcronologico202454587\/su416-15\/\" class=\"_self\" target=\"_self\" >SU416-15<\/a><\/h4>\n<div class=\"pt-cv-content\">\u00a0 \u00a0 \u00a0 \u00a0 \u00a0 \u00a0SU416-15 \u00a0 \u00a0 \u00a0 \u00a0 \u00a0 \u00a0\u00a0 Sentencia \u00a0 SU416\/15 \u00a0 \u00a0 ACCION DE TUTELA CONTRA LA SALA DE CASACION \u00a0 PENAL-Caso de condena por \u00a0 responsabilidad m\u00e9dica\/LEX ARTIS \u00a0 \u00a0 SENTENCIA SALA DE CASACION PENAL-Decisi\u00f3n se bas\u00f3 en pruebas debidamente \u00a0 aportadas al proceso y analizadas en conjunto\/PRINCIPIOS DE LIBERTAD \u00a0 PROBATORIA Y DE SANA CRITICA \u00a0 \u00a0 La Sala aprecia que no le asiste raz\u00f3n al tutelante en \u00a0 cuanto la construcci\u00f3n del nexo causal se ofrece ver\u00eddico y razonado. El \u00a0 respectivo an\u00e1lisis se hace con base en las pruebas que obran ...<br \/><div class=\"pt-cv-rmwrap\"><a href=\"https:\/\/www.dmsjuridica.com\/buscador_20179478954\/corteconstitucionalcronologico202454587\/su416-15\/\" class=\"_self pt-cv-readmore btn btn-success\" target=\"_self\">Ver Sentencia Completa...<\/a><\/div><\/div><\/div><\/div>\n<div class=\"col-md-12 col-sm-12 col-xs-12 pt-cv-content-item pt-cv-1-col\" ><div class='pt-cv-ifield'><a href=\"https:\/\/www.dmsjuridica.com\/buscador_20179478954\/corteconstitucionalcronologico202454587\/su415-15\/\" class=\"_self pt-cv-href-thumbnail pt-cv-thumb-default\" target=\"_self\" ><\/a>\n<div class=\"pt-cv-taxoterm above_title\"><a href='https:\/\/www.dmsjuridica.com\/buscador_20179478954\/corteconstitucionalcronologico202454587\/category\/buscar-en-toda-la-corte\/2015\/sentencias-de-unificacion-2015\/' title='Sentencias de Unificaci\u00f3n 2015' class='pt-cv-tax-sentencias-de-unificacion-2015'>Sentencias de Unificaci\u00f3n 2015<\/a><\/div>\n<h4 class=\"pt-cv-title\"><a href=\"https:\/\/www.dmsjuridica.com\/buscador_20179478954\/corteconstitucionalcronologico202454587\/su415-15\/\" class=\"_self\" target=\"_self\" >SU415-15<\/a><\/h4>\n<div class=\"pt-cv-content\">\u00a0 \u00a0 \u00a0 \u00a0 \u00a0 \u00a0SU415-15 \u00a0 \u00a0 \u00a0 \u00a0 \u00a0 \u00a0\u00a0 Sentencia SU415\/15 \u00a0 \u00a0 DERECHO A LA INDEXACION DE LA PRIMERA MESADA PENSIONAL-Comprende \u00a0 inclusive a quienes causaron su derecho antes de la Constituci\u00f3n Pol\u00edtica de \u00a0 1991 \u00a0 \u00a0 ACCION DE TUTELA CONTRA PROVIDENCIAS JUDICIALES \u00a0 \u00a0 INDEXACION DEL SALARIO BASE DE LIQUIDACION-Se reconoce a todos \u00a0 los pensionados por igual inclusive a quienes causaron su derecho antes de la \u00a0 Constituci\u00f3n Pol\u00edtica de 1991\/ACCION DE TUELA CONTRA PROVIDENCIAS JUDICIALES \u00a0 E INDEXACION-Cuando injustificadamente se niega la indexaci\u00f3n del salario \u00a0 base de liquidaci\u00f3n se incurre en ...<br \/><div class=\"pt-cv-rmwrap\"><a href=\"https:\/\/www.dmsjuridica.com\/buscador_20179478954\/corteconstitucionalcronologico202454587\/su415-15\/\" class=\"_self pt-cv-readmore btn btn-success\" target=\"_self\">Ver Sentencia Completa...<\/a><\/div><\/div><\/div><\/div>\n<div class=\"col-md-12 col-sm-12 col-xs-12 pt-cv-content-item pt-cv-1-col\" ><div class='pt-cv-ifield'><a href=\"https:\/\/www.dmsjuridica.com\/buscador_20179478954\/corteconstitucionalcronologico202454587\/su355-15\/\" class=\"_self pt-cv-href-thumbnail pt-cv-thumb-default\" target=\"_self\" ><\/a>\n<div class=\"pt-cv-taxoterm above_title\"><a href='https:\/\/www.dmsjuridica.com\/buscador_20179478954\/corteconstitucionalcronologico202454587\/category\/buscar-en-toda-la-corte\/2015\/sentencias-de-unificacion-2015\/' title='Sentencias de Unificaci\u00f3n 2015' class='pt-cv-tax-sentencias-de-unificacion-2015'>Sentencias de Unificaci\u00f3n 2015<\/a><\/div>\n<h4 class=\"pt-cv-title\"><a href=\"https:\/\/www.dmsjuridica.com\/buscador_20179478954\/corteconstitucionalcronologico202454587\/su355-15\/\" class=\"_self\" target=\"_self\" >SU355-15<\/a><\/h4>\n<div class=\"pt-cv-content\">\u00a0 \u00a0 \u00a0 \u00a0 \u00a0 \u00a0SU355-15 \u00a0 \u00a0 \u00a0 \u00a0 \u00a0 \u00a0\u00a0 Sentencia SU355\/15 \u00a0 \u00a0 (Bogot\u00e1 D.C., 11 de junio \u00a0 de 2015) \u00a0 \u00a0 COMPETENCIA DE LA PROCURADURIA GENERAL PARA IMPONER SANCION DISCIPLINARIA DE \u00a0 DESTITUCION E INHABILIDAD GENERAL A SERVIDOR PUBLICO-No vulnera el art\u00edculo \u00a0 25 de la Convenci\u00f3n Americana de Derechos Humanos ni el art\u00edculo 93 de la \u00a0 Constituci\u00f3n Pol\u00edtica \u00a0 \u00a0 CONTROL DISCIPLINARIO DEL PROCURADOR GENERAL DE LA NACION EN RELACION CON \u00a0 SERVIDORES PUBLICOS INCLUSIVE LOS DE ELECCION POPULAR-Competencia \u00a0 \u00a0 ACCION DE TUTELA CONTRA ACTO ADMINISTRATIVO SANCIONATORIO-Improcedencia \u00a0 general \u00a0 \u00a0 ACCION ...<br \/><div class=\"pt-cv-rmwrap\"><a href=\"https:\/\/www.dmsjuridica.com\/buscador_20179478954\/corteconstitucionalcronologico202454587\/su355-15\/\" class=\"_self pt-cv-readmore btn btn-success\" target=\"_self\">Ver Sentencia Completa...<\/a><\/div><\/div><\/div><\/div>\n<div class=\"col-md-12 col-sm-12 col-xs-12 pt-cv-content-item pt-cv-1-col\" ><div class='pt-cv-ifield'><a href=\"https:\/\/www.dmsjuridica.com\/buscador_20179478954\/corteconstitucionalcronologico202454587\/su298-15\/\" class=\"_self pt-cv-href-thumbnail pt-cv-thumb-default\" target=\"_self\" ><\/a>\n<div class=\"pt-cv-taxoterm above_title\"><a href='https:\/\/www.dmsjuridica.com\/buscador_20179478954\/corteconstitucionalcronologico202454587\/category\/buscar-en-toda-la-corte\/2015\/sentencias-de-unificacion-2015\/' title='Sentencias de Unificaci\u00f3n 2015' class='pt-cv-tax-sentencias-de-unificacion-2015'>Sentencias de Unificaci\u00f3n 2015<\/a><\/div>\n<h4 class=\"pt-cv-title\"><a href=\"https:\/\/www.dmsjuridica.com\/buscador_20179478954\/corteconstitucionalcronologico202454587\/su298-15\/\" class=\"_self\" target=\"_self\" >SU298-15<\/a><\/h4>\n<div class=\"pt-cv-content\">\u00a0 \u00a0 \u00a0 \u00a0 \u00a0 \u00a0SU298-15 \u00a0 \u00a0 \u00a0 \u00a0 \u00a0 \u00a0\u00a0 Sentencia SU298\/15 \u00a0 \u00a0 \u00a0\u00a0\u00a0\u00a0\u00a0\u00a0\u00a0\u00a0\u00a0\u00a0\u00a0\u00a0\u00a0\u00a0\u00a0 \u00a0 \u00a0 ACCION DE TUTELA CONTRA PROVIDENCIAS JUDICIALES-Reiteraci\u00f3n de \u00a0 jurisprudencia sobre procedencia excepcional \u00a0 \u00a0 ACCION DE TUTELA CONTRA PROVIDENCIAS JUDICIALES-Requisitos \u00a0 generales y especiales de procedibilidad\u00a0 \u00a0 \u00a0 DESCONOCIMIENTO DEL PRECEDENTE COMO CAUSAL ESPECIFICA DE PROCEDIBILIDAD DE LA \u00a0 ACCION DE TUTELA CONTRA PROVIDENCIAS JUDICIALES-Reiteraci\u00f3n de jurisprudencia \u00a0 \u00a0 El \u00a0 desconocimiento del precedente es una causal espec\u00edfica de procedencia de tutela \u00a0 contra providencias judiciales. Esta puede configurarse a trav\u00e9s de dos v\u00edas: \u00a0 (i) cuando se demuestra un defecto ...<br \/><div class=\"pt-cv-rmwrap\"><a href=\"https:\/\/www.dmsjuridica.com\/buscador_20179478954\/corteconstitucionalcronologico202454587\/su298-15\/\" class=\"_self pt-cv-readmore btn btn-success\" target=\"_self\">Ver Sentencia Completa...<\/a><\/div><\/div><\/div><\/div>\n<div class=\"col-md-12 col-sm-12 col-xs-12 pt-cv-content-item pt-cv-1-col\" ><div class='pt-cv-ifield'><a href=\"https:\/\/www.dmsjuridica.com\/buscador_20179478954\/corteconstitucionalcronologico202454587\/su297-15\/\" class=\"_self pt-cv-href-thumbnail pt-cv-thumb-default\" target=\"_self\" ><\/a>\n<div class=\"pt-cv-taxoterm above_title\"><a href='https:\/\/www.dmsjuridica.com\/buscador_20179478954\/corteconstitucionalcronologico202454587\/category\/buscar-en-toda-la-corte\/2015\/sentencias-de-unificacion-2015\/' title='Sentencias de Unificaci\u00f3n 2015' class='pt-cv-tax-sentencias-de-unificacion-2015'>Sentencias de Unificaci\u00f3n 2015<\/a><\/div>\n<h4 class=\"pt-cv-title\"><a href=\"https:\/\/www.dmsjuridica.com\/buscador_20179478954\/corteconstitucionalcronologico202454587\/su297-15\/\" class=\"_self\" target=\"_self\" >SU297-15<\/a><\/h4>\n<div class=\"pt-cv-content\">\u00a0 \u00a0 \u00a0 \u00a0 \u00a0 \u00a0SU297-15 \u00a0 \u00a0 \u00a0 \u00a0 \u00a0 \u00a0\u00a0 Sentencia \u00a0 SU297\/15 \u00a0 \u00a0 COMPETENCIA DE LAS SALAS DISCIPLINARIAS DEL CONSEJO \u00a0 SECCIONAL DE LA JUDICATURA Y DEL CONSEJO SUPERIOR DE LA JUDICATURA PARA CONOCER \u00a0 DE ACCION DE TUTELA CONTRA CORTE SUPREMA DE JUSTICIA \u00a0 \u00a0 DERECHO \u00a0 FUNDAMENTAL A LA TUTELA JUDICIAL EFECTIVA-Caso en que Consejo Seccional de la Judicatura \u00a0 como la Sala hom\u00f3nima del Consejo Superior de la Judicatura s\u00ed ten\u00edan \u00a0 competencia para conocer y fallar la tutela \u00a0 \u00a0 ACCION DE TUTELA CONTRA PROVIDENCIAS JUDICIALES-Reiteraci\u00f3n de jurisprudencia sobre procedencia \u00a0 excepcional ...<br \/><div class=\"pt-cv-rmwrap\"><a href=\"https:\/\/www.dmsjuridica.com\/buscador_20179478954\/corteconstitucionalcronologico202454587\/su297-15\/\" class=\"_self pt-cv-readmore btn btn-success\" target=\"_self\">Ver Sentencia Completa...<\/a><\/div><\/div><\/div><\/div>\n<div class=\"col-md-12 col-sm-12 col-xs-12 pt-cv-content-item pt-cv-1-col\" ><div class='pt-cv-ifield'><a href=\"https:\/\/www.dmsjuridica.com\/buscador_20179478954\/corteconstitucionalcronologico202454587\/su288-15\/\" class=\"_self pt-cv-href-thumbnail pt-cv-thumb-default\" target=\"_self\" ><\/a>\n<div class=\"pt-cv-taxoterm above_title\"><a href='https:\/\/www.dmsjuridica.com\/buscador_20179478954\/corteconstitucionalcronologico202454587\/category\/buscar-en-toda-la-corte\/2015\/sentencias-de-unificacion-2015\/' title='Sentencias de Unificaci\u00f3n 2015' class='pt-cv-tax-sentencias-de-unificacion-2015'>Sentencias de Unificaci\u00f3n 2015<\/a><\/div>\n<h4 class=\"pt-cv-title\"><a href=\"https:\/\/www.dmsjuridica.com\/buscador_20179478954\/corteconstitucionalcronologico202454587\/su288-15\/\" class=\"_self\" target=\"_self\" >SU288-15<\/a><\/h4>\n<div class=\"pt-cv-content\">\u00a0 \u00a0 \u00a0 \u00a0 \u00a0 \u00a0SU288-15 \u00a0 \u00a0 \u00a0 \u00a0 \u00a0 \u00a0\u00a0 Sentencia SU288\/15 \u00a0 \u00a0 (Bogot\u00e1, \u00a0 D.C., Mayo 14) \u00a0 \u00a0 ACCION DE TUTELA CONTRA PROVIDENCIAS \u00a0 JUDICIALES-Reiteraci\u00f3n de jurisprudencia sobre procedencia excepcional \u00a0 \u00a0 ACCION DE TUTELA CONTRA PROVIDENCIAS \u00a0 JUDICIALES-Requisitos generales y especiales de procedibilidad\u00a0 \u00a0 \u00a0 CARACTERIZACION DEL DEFECTO FACTICO \u00a0 COMO CAUSAL ESPECIFICA DE PROCEDIBILIDAD DE LA ACCION DE TUTELA CONTRA \u00a0 PROVIDENCIAS JUDICIALES\u00a0 \u00a0 \u00a0 La jurisprudencia constitucional ha se\u00f1alado que el defecto \u00a0 f\u00e1ctico se encuentra relacionado con errores probatorios durante el proceso. \u00a0 Este se configura cuando la decisi\u00f3n judicial se ...<br \/><div class=\"pt-cv-rmwrap\"><a href=\"https:\/\/www.dmsjuridica.com\/buscador_20179478954\/corteconstitucionalcronologico202454587\/su288-15\/\" class=\"_self pt-cv-readmore btn btn-success\" target=\"_self\">Ver Sentencia Completa...<\/a><\/div><\/div><\/div><\/div>\n<div class=\"col-md-12 col-sm-12 col-xs-12 pt-cv-content-item pt-cv-1-col\" ><div class='pt-cv-ifield'><a href=\"https:\/\/www.dmsjuridica.com\/buscador_20179478954\/corteconstitucionalcronologico202454587\/su264-15\/\" class=\"_self pt-cv-href-thumbnail pt-cv-thumb-default\" target=\"_self\" ><\/a>\n<div class=\"pt-cv-taxoterm above_title\"><a href='https:\/\/www.dmsjuridica.com\/buscador_20179478954\/corteconstitucionalcronologico202454587\/category\/buscar-en-toda-la-corte\/2015\/sentencias-de-unificacion-2015\/' title='Sentencias de Unificaci\u00f3n 2015' class='pt-cv-tax-sentencias-de-unificacion-2015'>Sentencias de Unificaci\u00f3n 2015<\/a><\/div>\n<h4 class=\"pt-cv-title\"><a href=\"https:\/\/www.dmsjuridica.com\/buscador_20179478954\/corteconstitucionalcronologico202454587\/su264-15\/\" class=\"_self\" target=\"_self\" >SU264-15<\/a><\/h4>\n<div class=\"pt-cv-content\">\u00a0 \u00a0 \u00a0 \u00a0 \u00a0 \u00a0SU264-15 \u00a0 \u00a0 \u00a0 \u00a0 \u00a0 \u00a0\u00a0 Sentencia SU264\/15 \u00a0 \u00a0 ACCION DE TUTELA CONTRA PROVIDENCIAS JUDICIALES-Reiteraci\u00f3n de \u00a0 jurisprudencia sobre procedencia excepcional \u00a0 \u00a0 ACCION DE TUTELA CONTRA PROVIDENCIAS JUDICIALES-Requisitos generales \u00a0 y especiales de procedibilidad \u00a0 \u00a0 CARACTERIZACION DEL DEFECTO POR DESCONOCIMIENTO DEL PRECEDENTE \u00a0 JUDICIAL \u00a0 \u00a0 El respeto por las \u00a0 decisiones proferidas por los jueces de superior jerarqu\u00eda, y en especial, de \u00a0 los \u00f3rganos de cierre en cada una de las jurisdicciones no es una prerrogativa \u00a0 de los funcionarios judiciales sino que es un deber de obligatorio cumplimiento ...<br \/><div class=\"pt-cv-rmwrap\"><a href=\"https:\/\/www.dmsjuridica.com\/buscador_20179478954\/corteconstitucionalcronologico202454587\/su264-15\/\" class=\"_self pt-cv-readmore btn btn-success\" target=\"_self\">Ver Sentencia Completa...<\/a><\/div><\/div><\/div><\/div>\n<div class=\"col-md-12 col-sm-12 col-xs-12 pt-cv-content-item pt-cv-1-col\" ><div class='pt-cv-ifield'><a href=\"https:\/\/www.dmsjuridica.com\/buscador_20179478954\/corteconstitucionalcronologico202454587\/su263-15\/\" class=\"_self pt-cv-href-thumbnail pt-cv-thumb-default\" target=\"_self\" ><\/a>\n<div class=\"pt-cv-taxoterm above_title\"><a href='https:\/\/www.dmsjuridica.com\/buscador_20179478954\/corteconstitucionalcronologico202454587\/category\/buscar-en-toda-la-corte\/2015\/sentencias-de-unificacion-2015\/' title='Sentencias de Unificaci\u00f3n 2015' class='pt-cv-tax-sentencias-de-unificacion-2015'>Sentencias de Unificaci\u00f3n 2015<\/a><\/div>\n<h4 class=\"pt-cv-title\"><a href=\"https:\/\/www.dmsjuridica.com\/buscador_20179478954\/corteconstitucionalcronologico202454587\/su263-15\/\" class=\"_self\" target=\"_self\" >SU263-15<\/a><\/h4>\n<div class=\"pt-cv-content\">Sentencia SU263\/15 \u00a0 \u00a0 ACCION DE TUTELA CONTRA PROVIDENCIAS \u00a0 JUDICIALES-Reiteraci\u00f3n de jurisprudencia sobre procedencia excepcional \u00a0 \u00a0 ACCION DE TUTELA CONTRA PROVIDENCIAS \u00a0 JUDICIALES-Requisitos generales y especiales de procedibilidad\u00a0 \u00a0 \u00a0 ACCION DE TUTELA CONTRA PROVIDENCIAS \u00a0 JUDICIALES-Relevancia \u00a0 constitucional del requisito general de subsidiariedad para su procedencia \u00a0 excepcional\u00a0\u00a0 \u00a0 \u00a0 El car\u00e1cter\u00a0subsidiario\u00a0de la \u00a0 acci\u00f3n de tutela contra providencias judiciales ha sido se\u00f1alado por la Corte \u00a0 desde sus primeros pronunciamientos. No \u00a0 es procedente la acci\u00f3n de tutela contra providencias judiciales cuando el actor \u00a0 no ha utilizado o agotado todos los medios ordinarios o extraordinarios ...<br \/><div class=\"pt-cv-rmwrap\"><a href=\"https:\/\/www.dmsjuridica.com\/buscador_20179478954\/corteconstitucionalcronologico202454587\/su263-15\/\" class=\"_self pt-cv-readmore btn btn-success\" target=\"_self\">Ver Sentencia Completa...<\/a><\/div><\/div><\/div><\/div>\n<div class=\"col-md-12 col-sm-12 col-xs-12 pt-cv-content-item pt-cv-1-col\" ><div class='pt-cv-ifield'><a href=\"https:\/\/www.dmsjuridica.com\/buscador_20179478954\/corteconstitucionalcronologico202454587\/su242-15\/\" class=\"_self pt-cv-href-thumbnail pt-cv-thumb-default\" target=\"_self\" ><\/a>\n<div class=\"pt-cv-taxoterm above_title\"><a href='https:\/\/www.dmsjuridica.com\/buscador_20179478954\/corteconstitucionalcronologico202454587\/category\/buscar-en-toda-la-corte\/2015\/sentencias-de-unificacion-2015\/' title='Sentencias de Unificaci\u00f3n 2015' class='pt-cv-tax-sentencias-de-unificacion-2015'>Sentencias de Unificaci\u00f3n 2015<\/a><\/div>\n<h4 class=\"pt-cv-title\"><a href=\"https:\/\/www.dmsjuridica.com\/buscador_20179478954\/corteconstitucionalcronologico202454587\/su242-15\/\" class=\"_self\" target=\"_self\" >SU242-15<\/a><\/h4>\n<div class=\"pt-cv-content\">\u00a0 \u00a0 \u00a0 \u00a0 \u00a0 \u00a0SU242-15 \u00a0 \u00a0 \u00a0 \u00a0 \u00a0 \u00a0\u00a0 Sentencia SU242\/15 \u00a0 \u00a0 ACCION DE TUTELA \u00a0 CONTRA PROVIDENCIAS JUDICIALES-Reiteraci\u00f3n de jurisprudencia sobre \u00a0 procedencia excepcional \u00a0 \u00a0 ACCION DE TUTELA \u00a0 CONTRA PROVIDENCIAS JUDICIALES-Requisitos generales y especiales de \u00a0 procedibilidad\u00a0 \u00a0 \u00a0 DEFECTO SUSTANTIVO \u00a0 COMO CAUSAL ESPECIFICA DE PROCEDIBILIDAD DE LA ACCION DE TUTELA CONTRA \u00a0 PROVIDENCIAS JUDICIALES-Reiteraci\u00f3n de jurisprudencia \u00a0 \u00a0 Proceder\u00e1 el amparo constitucional cuando se acredite la existencia \u00a0 de un defecto sustantivo, en cualquiera de sus supuestos. En\u00a0sentido amplio\u00a0se est\u00e1 en presencia del vicio cuando \u00a0 la autoridad judicial emplea una ...<br \/><div class=\"pt-cv-rmwrap\"><a href=\"https:\/\/www.dmsjuridica.com\/buscador_20179478954\/corteconstitucionalcronologico202454587\/su242-15\/\" class=\"_self pt-cv-readmore btn btn-success\" target=\"_self\">Ver Sentencia Completa...<\/a><\/div><\/div><\/div><\/div>\n<div class=\"col-md-12 col-sm-12 col-xs-12 pt-cv-content-item pt-cv-1-col\" ><div class='pt-cv-ifield'><a href=\"https:\/\/www.dmsjuridica.com\/buscador_20179478954\/corteconstitucionalcronologico202454587\/su241-15\/\" class=\"_self pt-cv-href-thumbnail pt-cv-thumb-default\" target=\"_self\" ><\/a>\n<div class=\"pt-cv-taxoterm above_title\"><a href='https:\/\/www.dmsjuridica.com\/buscador_20179478954\/corteconstitucionalcronologico202454587\/category\/buscar-en-toda-la-corte\/2015\/sentencias-de-unificacion-2015\/' title='Sentencias de Unificaci\u00f3n 2015' class='pt-cv-tax-sentencias-de-unificacion-2015'>Sentencias de Unificaci\u00f3n 2015<\/a><\/div>\n<h4 class=\"pt-cv-title\"><a href=\"https:\/\/www.dmsjuridica.com\/buscador_20179478954\/corteconstitucionalcronologico202454587\/su241-15\/\" class=\"_self\" target=\"_self\" >SU241-15<\/a><\/h4>\n<div class=\"pt-cv-content\">\u00a0 \u00a0 \u00a0 \u00a0 \u00a0 \u00a0SU241-15 \u00a0 \u00a0 \u00a0 \u00a0 \u00a0 \u00a0\u00a0 Sentencia SU241\/15 \u00a0 \u00a0 ACCION DE TUTELA \u00a0 CONTRA PROVIDENCIAS JUDICIALES-Reiteraci\u00f3n de jurisprudencia sobre \u00a0 procedencia excepcional \u00a0 \u00a0 ACCION DE TUTELA \u00a0 CONTRA PROVIDENCIAS JUDICIALES-Requisitos generales y especiales de \u00a0 procedibilidad\u00a0 \u00a0 \u00a0 DEFECTO SUSTANTIVO \u00a0 COMO CAUSAL ESPECIFICA DE PROCEDIBILIDAD DE LA ACCION DE TUTELA CONTRA \u00a0 PROVIDENCIAS JUDICIALES-Reiteraci\u00f3n de jurisprudencia\u00a0 \u00a0 \u00a0 Esta Corporaci\u00f3n ha caracterizado el defecto sustantivo como la existencia de \u00a0 una falencia o yerro en una providencia judicial, originada en el proceso de \u00a0 interpretaci\u00f3n o aplicaci\u00f3n de las disposiciones jur\u00eddicas ...<br \/><div class=\"pt-cv-rmwrap\"><a href=\"https:\/\/www.dmsjuridica.com\/buscador_20179478954\/corteconstitucionalcronologico202454587\/su241-15\/\" class=\"_self pt-cv-readmore btn btn-success\" target=\"_self\">Ver Sentencia Completa...<\/a><\/div><\/div><\/div><\/div>\n<div class=\"col-md-12 col-sm-12 col-xs-12 pt-cv-content-item pt-cv-1-col\" ><div class='pt-cv-ifield'><a href=\"https:\/\/www.dmsjuridica.com\/buscador_20179478954\/corteconstitucionalcronologico202454587\/su240-15\/\" class=\"_self pt-cv-href-thumbnail pt-cv-thumb-default\" target=\"_self\" ><\/a>\n<div class=\"pt-cv-taxoterm above_title\"><a href='https:\/\/www.dmsjuridica.com\/buscador_20179478954\/corteconstitucionalcronologico202454587\/category\/buscar-en-toda-la-corte\/2015\/sentencias-de-unificacion-2015\/' title='Sentencias de Unificaci\u00f3n 2015' class='pt-cv-tax-sentencias-de-unificacion-2015'>Sentencias de Unificaci\u00f3n 2015<\/a><\/div>\n<h4 class=\"pt-cv-title\"><a href=\"https:\/\/www.dmsjuridica.com\/buscador_20179478954\/corteconstitucionalcronologico202454587\/su240-15\/\" class=\"_self\" target=\"_self\" >SU240-15<\/a><\/h4>\n<div class=\"pt-cv-content\">\u00a0 \u00a0 \u00a0 \u00a0 \u00a0 \u00a0SU240-15 \u00a0 \u00a0 \u00a0 \u00a0 \u00a0 \u00a0\u00a0 Sentencia SU240\/15 \u00a0 \u00a0 ACCION DE TUTELA CONTRA PROVIDENCIAS JUDICIALES-Caso en que la Corte analiza las condiciones bajo las \u00a0 cuales resulta v\u00e1lida la revocatoria directa de un acto administrativo de \u00a0 car\u00e1cter particular y concreto sin el consentimiento del interesado \u00a0 \u00a0 TEMERIDAD-Configuraci\u00f3n\u00a0 \u00a0 \u00a0 La actuaci\u00f3n temeraria se presenta\u00a0\u201ccuando, sin motivo expresamente justificado, la misma acci\u00f3n de \u00a0 tutela sea presentada por la misma persona o su representante ante varios jueces \u00a0 o tribunales\u201d, la verificaci\u00f3n de esta conducta trae aparejado\u00a0el rechazo y la decisi\u00f3n desfavorable ...<br \/><div class=\"pt-cv-rmwrap\"><a href=\"https:\/\/www.dmsjuridica.com\/buscador_20179478954\/corteconstitucionalcronologico202454587\/su240-15\/\" class=\"_self pt-cv-readmore btn btn-success\" target=\"_self\">Ver Sentencia Completa...<\/a><\/div><\/div><\/div><\/div>\n<div class=\"col-md-12 col-sm-12 col-xs-12 pt-cv-content-item pt-cv-1-col\" ><div class='pt-cv-ifield'><a href=\"https:\/\/www.dmsjuridica.com\/buscador_20179478954\/corteconstitucionalcronologico202454587\/su230-15\/\" class=\"_self pt-cv-href-thumbnail pt-cv-thumb-default\" target=\"_self\" ><\/a>\n<div class=\"pt-cv-taxoterm above_title\"><a href='https:\/\/www.dmsjuridica.com\/buscador_20179478954\/corteconstitucionalcronologico202454587\/category\/buscar-en-toda-la-corte\/2015\/sentencias-de-unificacion-2015\/' title='Sentencias de Unificaci\u00f3n 2015' class='pt-cv-tax-sentencias-de-unificacion-2015'>Sentencias de Unificaci\u00f3n 2015<\/a><\/div>\n<h4 class=\"pt-cv-title\"><a href=\"https:\/\/www.dmsjuridica.com\/buscador_20179478954\/corteconstitucionalcronologico202454587\/su230-15\/\" class=\"_self\" target=\"_self\" >SU230-15<\/a><\/h4>\n<div class=\"pt-cv-content\">\u00a0 \u00a0 \u00a0 \u00a0 \u00a0 \u00a0SU230-15 \u00a0 \u00a0 \u00a0 \u00a0 \u00a0 \u00a0\u00a0 Sentencia SU230\/15 \u00a0 \u00a0 COMPETENCIA DE LAS SALAS DISCIPLINARIAS \u00a0 DEL CONSEJO SECCIONAL DE LA JUDICATURA Y DEL CONSEJO SUPERIOR DE LA JUDICATURA \u00a0 PARA CONOCER DE ACCION DE TUTELA CONTRA CORTE SUPREMA DE JUSTICIA \u00a0 \u00a0 DERECHO FUNDAMENTAL A LA TUTELA EFECTIVA-Es violado por una Corporaci\u00f3n judicial cuando se niega a conocer de \u00a0 fondo una acci\u00f3n de tutela \u00a0 \u00a0 Seg\u00fan la jurisprudencia \u00a0 constitucional, cuando el derecho fundamental a la tutela efectiva de una \u00a0 persona es violado por una corporaci\u00f3n judicial al negarse a ...<br \/><div class=\"pt-cv-rmwrap\"><a href=\"https:\/\/www.dmsjuridica.com\/buscador_20179478954\/corteconstitucionalcronologico202454587\/su230-15\/\" class=\"_self pt-cv-readmore btn btn-success\" target=\"_self\">Ver Sentencia Completa...<\/a><\/div><\/div><\/div><\/div>\n<div class=\"col-md-12 col-sm-12 col-xs-12 pt-cv-content-item pt-cv-1-col\" ><div class='pt-cv-ifield'><a href=\"https:\/\/www.dmsjuridica.com\/buscador_20179478954\/corteconstitucionalcronologico202454587\/su221-15\/\" class=\"_self pt-cv-href-thumbnail pt-cv-thumb-default\" target=\"_self\" ><\/a>\n<div class=\"pt-cv-taxoterm above_title\"><a href='https:\/\/www.dmsjuridica.com\/buscador_20179478954\/corteconstitucionalcronologico202454587\/category\/buscar-en-toda-la-corte\/2015\/sentencias-de-unificacion-2015\/' title='Sentencias de Unificaci\u00f3n 2015' class='pt-cv-tax-sentencias-de-unificacion-2015'>Sentencias de Unificaci\u00f3n 2015<\/a><\/div>\n<h4 class=\"pt-cv-title\"><a href=\"https:\/\/www.dmsjuridica.com\/buscador_20179478954\/corteconstitucionalcronologico202454587\/su221-15\/\" class=\"_self\" target=\"_self\" >SU221-15<\/a><\/h4>\n<div class=\"pt-cv-content\">\u00a0 \u00a0 \u00a0 \u00a0 \u00a0 \u00a0SU221-15 \u00a0 \u00a0 \u00a0 \u00a0 \u00a0 \u00a0\u00a0 Sentencia SU221\/15 \u00a0 \u00a0 VOTO EN BLANCO-Caso en que se estudia cu\u00e1l es la mayor\u00eda que debe \u00a0 alcanzar el voto en blanco para invalidar una elecci\u00f3n \u00a0 \u00a0 Respecto a las exigencias del art\u00edculo 258 de la Constituci\u00f3n, el voto en \u00a0 blanco requiere reunir la mayor\u00eda de los votos v\u00e1lidos para producir efectos. \u00a0 Esta mayor\u00eda se obtiene con la mitad m\u00e1s uno de los votos v\u00e1lidos. El \u00a0 constituyente podr\u00e1 determinar otra mayor\u00eda, pero para ello ser\u00e1 necesario que \u00a0 lo disponga de forma expresa.\u00a0 ...<br \/><div class=\"pt-cv-rmwrap\"><a href=\"https:\/\/www.dmsjuridica.com\/buscador_20179478954\/corteconstitucionalcronologico202454587\/su221-15\/\" class=\"_self pt-cv-readmore btn btn-success\" target=\"_self\">Ver Sentencia Completa...<\/a><\/div><\/div><\/div><\/div>\n<div class=\"col-md-12 col-sm-12 col-xs-12 pt-cv-content-item pt-cv-1-col\" ><div class='pt-cv-ifield'><a href=\"https:\/\/www.dmsjuridica.com\/buscador_20179478954\/corteconstitucionalcronologico202454587\/su173-15\/\" class=\"_self pt-cv-href-thumbnail pt-cv-thumb-default\" target=\"_self\" ><\/a>\n<div class=\"pt-cv-taxoterm above_title\"><a href='https:\/\/www.dmsjuridica.com\/buscador_20179478954\/corteconstitucionalcronologico202454587\/category\/buscar-en-toda-la-corte\/2015\/sentencias-de-unificacion-2015\/' title='Sentencias de Unificaci\u00f3n 2015' class='pt-cv-tax-sentencias-de-unificacion-2015'>Sentencias de Unificaci\u00f3n 2015<\/a><\/div>\n<h4 class=\"pt-cv-title\"><a href=\"https:\/\/www.dmsjuridica.com\/buscador_20179478954\/corteconstitucionalcronologico202454587\/su173-15\/\" class=\"_self\" target=\"_self\" >SU173-15<\/a><\/h4>\n<div class=\"pt-cv-content\">\u00a0 \u00a0 \u00a0 \u00a0 \u00a0 \u00a0SU173-15 \u00a0 \u00a0 \u00a0 \u00a0 \u00a0 \u00a0\u00a0 Sentencia SU173\/15 \u00a0 \u00a0 FALTA DE LEGITIMACION EN LA \u00a0 CAUSA POR ACTIVA EN TUTELA-Tutela interpuesta por \u00a0 Senador de la Rep\u00fablica en representaci\u00f3n de los ciudadanos que lo eligieron por \u00a0 voto popular \u00a0 \u00a0 Para el agente promotor de la acci\u00f3n de tutela es claro que en su \u00a0 condici\u00f3n de Senador era su deber velar por los intereses y derechos de los \u00a0 ciudadanos que lo eligieron por voto popular, de donde sus mayores electores se \u00a0 situaban en el Departamento del Huila y, aunque ...<br \/><div class=\"pt-cv-rmwrap\"><a href=\"https:\/\/www.dmsjuridica.com\/buscador_20179478954\/corteconstitucionalcronologico202454587\/su173-15\/\" class=\"_self pt-cv-readmore btn btn-success\" target=\"_self\">Ver Sentencia Completa...<\/a><\/div><\/div><\/div><\/div>\n<div class=\"col-md-12 col-sm-12 col-xs-12 pt-cv-content-item pt-cv-1-col\" ><div class='pt-cv-ifield'><a href=\"https:\/\/www.dmsjuridica.com\/buscador_20179478954\/corteconstitucionalcronologico202454587\/su172-15\/\" class=\"_self pt-cv-href-thumbnail pt-cv-thumb-default\" target=\"_self\" ><\/a>\n<div class=\"pt-cv-taxoterm above_title\"><a href='https:\/\/www.dmsjuridica.com\/buscador_20179478954\/corteconstitucionalcronologico202454587\/category\/buscar-en-toda-la-corte\/2015\/sentencias-de-unificacion-2015\/' title='Sentencias de Unificaci\u00f3n 2015' class='pt-cv-tax-sentencias-de-unificacion-2015'>Sentencias de Unificaci\u00f3n 2015<\/a><\/div>\n<h4 class=\"pt-cv-title\"><a href=\"https:\/\/www.dmsjuridica.com\/buscador_20179478954\/corteconstitucionalcronologico202454587\/su172-15\/\" class=\"_self\" target=\"_self\" >SU172-15<\/a><\/h4>\n<div class=\"pt-cv-content\">\u00a0 \u00a0 \u00a0 \u00a0 \u00a0 \u00a0SU172-15 \u00a0 \u00a0 \u00a0 \u00a0 \u00a0 \u00a0\u00a0 Sentencia SU172\/15 \u00a0 \u00a0 ACCION DE TUTELA CONTRA PROVIDENCIAS JUDICIALES-Reiteraci\u00f3n de jurisprudencia sobre procedencia excepcional \u00a0 \u00a0 ACCION DE TUTELA CONTRA PROVIDENCIAS JUDICIALES-Requisitos generales y especiales de procedibilidad\u00a0 \u00a0 \u00a0 DEFECTO FACTICO-Configuraci\u00f3n \u00a0 \u00a0 El defecto f\u00e1ctico se configura cuando: i) existe una omisi\u00f3n en el decreto de \u00a0 pruebas que eran necesarias en el proceso; ii) se da una valoraci\u00f3n caprichosa y \u00a0 arbitraria de las pruebas presentadas; o iii) no se valora en su integridad el \u00a0 material probatorio. \u00a0 \u00a0 DEFECTO FACTICO-Dimensi\u00f3n negativa y \u00a0 ...<br \/><div class=\"pt-cv-rmwrap\"><a href=\"https:\/\/www.dmsjuridica.com\/buscador_20179478954\/corteconstitucionalcronologico202454587\/su172-15\/\" class=\"_self pt-cv-readmore btn btn-success\" target=\"_self\">Ver Sentencia Completa...<\/a><\/div><\/div><\/div><\/div>\n<div class=\"col-md-12 col-sm-12 col-xs-12 pt-cv-content-item pt-cv-1-col\" ><div class='pt-cv-ifield'><a href=\"https:\/\/www.dmsjuridica.com\/buscador_20179478954\/corteconstitucionalcronologico202454587\/su055-15\/\" class=\"_self pt-cv-href-thumbnail pt-cv-thumb-default\" target=\"_self\" ><\/a>\n<div class=\"pt-cv-taxoterm above_title\"><a href='https:\/\/www.dmsjuridica.com\/buscador_20179478954\/corteconstitucionalcronologico202454587\/category\/buscar-en-toda-la-corte\/2015\/sentencias-de-unificacion-2015\/' title='Sentencias de Unificaci\u00f3n 2015' class='pt-cv-tax-sentencias-de-unificacion-2015'>Sentencias de Unificaci\u00f3n 2015<\/a><\/div>\n<h4 class=\"pt-cv-title\"><a href=\"https:\/\/www.dmsjuridica.com\/buscador_20179478954\/corteconstitucionalcronologico202454587\/su055-15\/\" class=\"_self\" target=\"_self\" >SU055-15<\/a><\/h4>\n<div class=\"pt-cv-content\">\u00a0 \u00a0 \u00a0 \u00a0 \u00a0 \u00a0SU055-15 \u00a0 \u00a0 \u00a0 \u00a0 \u00a0 \u00a0\u00a0 Sentencia SU055\/15 \u00a0 \u00a0 FALTA DE LEGITIMACION POR ACTIVA \u00a0 EN TUTELA-Abogado sin poder para actuar \u00a0 \u00a0 AGENCIA OFICIOSA EN TUTELA-Requisitos \u00a0 \u00a0 Para que se configure la agencia oficiosa, la concurrencia \u00a0 de dos elementos: (i) que el titular de los derechos no est\u00e9 en condiciones de \u00a0 defenderlos y, (ii) que en la tutela se manifieste esa circunstancia. En cuanto \u00a0 a esta \u00faltima exigencia, su cumplimiento s\u00f3lo se puede verificar en presencia de \u00a0 personas en estado de vulnerabilidad extrema, en circunstancias de debilidad ...<br \/><div class=\"pt-cv-rmwrap\"><a href=\"https:\/\/www.dmsjuridica.com\/buscador_20179478954\/corteconstitucionalcronologico202454587\/su055-15\/\" class=\"_self pt-cv-readmore btn btn-success\" target=\"_self\">Ver Sentencia Completa...<\/a><\/div><\/div><\/div><\/div>\n<div class=\"col-md-12 col-sm-12 col-xs-12 pt-cv-content-item pt-cv-1-col\" ><div class='pt-cv-ifield'><a href=\"https:\/\/www.dmsjuridica.com\/buscador_20179478954\/corteconstitucionalcronologico202454587\/su054-15\/\" class=\"_self pt-cv-href-thumbnail pt-cv-thumb-default\" target=\"_self\" ><\/a>\n<div class=\"pt-cv-taxoterm above_title\"><a href='https:\/\/www.dmsjuridica.com\/buscador_20179478954\/corteconstitucionalcronologico202454587\/category\/buscar-en-toda-la-corte\/2015\/sentencias-de-unificacion-2015\/' title='Sentencias de Unificaci\u00f3n 2015' class='pt-cv-tax-sentencias-de-unificacion-2015'>Sentencias de Unificaci\u00f3n 2015<\/a><\/div>\n<h4 class=\"pt-cv-title\"><a href=\"https:\/\/www.dmsjuridica.com\/buscador_20179478954\/corteconstitucionalcronologico202454587\/su054-15\/\" class=\"_self\" target=\"_self\" >SU054-15<\/a><\/h4>\n<div class=\"pt-cv-content\">\u00a0 \u00a0 \u00a0 \u00a0 \u00a0 \u00a0SU054-15 \u00a0 \u00a0 \u00a0 \u00a0 \u00a0 \u00a0\u00a0 Sentencia SU054\/15 \u00a0 \u00a0 ACCION DE TUTELA CONTRA PROVIDENCIAS JUDICIALES-Reglas jurisprudenciales sobre la procedencia \u00a0 \u00a0 ACCION DE TUTELA CONTRA PROVIDENCIAS \u00a0 JUDICIALES-Requisitos \u00a0 generales y especiales de procedibilidad \u00a0 \u00a0 ACCION DE TUTELA CONTRA PROVIDENCIAS \u00a0 JUDICIALES POR DESCONOCIMIENTO DEL PRECEDENTE JURISPRUDENCIAL DE LA CORTE \u00a0 CONSTITUCIONAL-Formas \u00a0 en que puede ser desconocida la jurisprudencia \u00a0 \u00a0 RATIO DECIDENDI-Criterios de identificaci\u00f3n \u00a0 \u00a0 PRECEDENTE JUDICIAL Y RATIO DECIDENDI-Regla jur\u00eddica no puede ser \u00a0 desconocida por las autoridades judiciales \u00a0 \u00a0 CARGO DE CARRERA EN PROVISIONALIDAD-Goza de estabilidad ...<br \/><div class=\"pt-cv-rmwrap\"><a href=\"https:\/\/www.dmsjuridica.com\/buscador_20179478954\/corteconstitucionalcronologico202454587\/su054-15\/\" class=\"_self pt-cv-readmore btn btn-success\" target=\"_self\">Ver Sentencia Completa...<\/a><\/div><\/div><\/div><\/div>\n<div class=\"col-md-12 col-sm-12 col-xs-12 pt-cv-content-item pt-cv-1-col\" ><div class='pt-cv-ifield'><a href=\"https:\/\/www.dmsjuridica.com\/buscador_20179478954\/corteconstitucionalcronologico202454587\/su053-15\/\" class=\"_self pt-cv-href-thumbnail pt-cv-thumb-default\" target=\"_self\" ><\/a>\n<div class=\"pt-cv-taxoterm above_title\"><a href='https:\/\/www.dmsjuridica.com\/buscador_20179478954\/corteconstitucionalcronologico202454587\/category\/buscar-en-toda-la-corte\/2015\/sentencias-de-unificacion-2015\/' title='Sentencias de Unificaci\u00f3n 2015' class='pt-cv-tax-sentencias-de-unificacion-2015'>Sentencias de Unificaci\u00f3n 2015<\/a><\/div>\n<h4 class=\"pt-cv-title\"><a href=\"https:\/\/www.dmsjuridica.com\/buscador_20179478954\/corteconstitucionalcronologico202454587\/su053-15\/\" class=\"_self\" target=\"_self\" >SU053-15<\/a><\/h4>\n<div class=\"pt-cv-content\">\u00a0 \u00a0 \u00a0 \u00a0 \u00a0 \u00a0SU053-15 \u00a0 \u00a0 \u00a0 \u00a0 \u00a0 \u00a0\u00a0 NOTA DE RELATORIA: Mediante auto 147 de fecha 22 de abril de 2015, el cual se \u00a0 anexa en la parte final de la presente sentencia, se corrige \u00a0el numeral \u00a0 vig\u00e9simo quinto de su parte resolutiva, en el sentido de indicar que la fecha \u00a0 \u00a0correcta de la resoluci\u00f3n que declar\u00f3 insubsistente \u00a0a la accionante del \u00a0 expediente T-3431941, es el 7 de enero de 2003 y no, el 7 de enero de 1997, como \u00a0 err\u00f3neamente qued\u00f3 registrado. \u00a0 \u00a0 Sentencia SU053\/15 \u00a0 \u00a0 ACCION DE ...<br \/><div class=\"pt-cv-rmwrap\"><a href=\"https:\/\/www.dmsjuridica.com\/buscador_20179478954\/corteconstitucionalcronologico202454587\/su053-15\/\" class=\"_self pt-cv-readmore btn btn-success\" target=\"_self\">Ver Sentencia Completa...<\/a><\/div><\/div><\/div><\/div>\n<div class=\"col-md-12 col-sm-12 col-xs-12 pt-cv-content-item pt-cv-1-col\" ><div class='pt-cv-ifield'><a href=\"https:\/\/www.dmsjuridica.com\/buscador_20179478954\/corteconstitucionalcronologico202454587\/su023-15\/\" class=\"_self pt-cv-href-thumbnail pt-cv-thumb-default\" target=\"_self\" ><\/a>\n<div class=\"pt-cv-taxoterm above_title\"><a href='https:\/\/www.dmsjuridica.com\/buscador_20179478954\/corteconstitucionalcronologico202454587\/category\/buscar-en-toda-la-corte\/2015\/sentencias-de-unificacion-2015\/' title='Sentencias de Unificaci\u00f3n 2015' class='pt-cv-tax-sentencias-de-unificacion-2015'>Sentencias de Unificaci\u00f3n 2015<\/a><\/div>\n<h4 class=\"pt-cv-title\"><a href=\"https:\/\/www.dmsjuridica.com\/buscador_20179478954\/corteconstitucionalcronologico202454587\/su023-15\/\" class=\"_self\" target=\"_self\" >SU023-15<\/a><\/h4>\n<div class=\"pt-cv-content\">\u00a0 \u00a0 \u00a0 \u00a0 \u00a0 \u00a0SU023-15 \u00a0 \u00a0 \u00a0 \u00a0 \u00a0 \u00a0\u00a0 Sentencia SU023\/15 \u00a0 \u00a0 RESPONSABILIDAD \u00a0 DEL EMPLEADOR FRENTE A PAGO DE COTIZACIONES AL REGIMEN DE SEGURIDAD SOCIAL EN \u00a0 PENSIONES-Casos \u00a0 en que en algunos lugares no exist\u00eda cobertura por parte del ISS \u00a0 \u00a0 Obligaci\u00f3n, por parte de las empresas que ten\u00edan a su cargo el reconocimiento y \u00a0 pago de pensiones, de realizar los aportes correspondientes al ISS, en aquellos \u00a0 casos de empleados que, vinculados al momento de entrar en vigencia la Ley 100 \u00a0 de 1993, trabajasen en sitios en los cuales el ...<br \/><div class=\"pt-cv-rmwrap\"><a href=\"https:\/\/www.dmsjuridica.com\/buscador_20179478954\/corteconstitucionalcronologico202454587\/su023-15\/\" class=\"_self pt-cv-readmore btn btn-success\" target=\"_self\">Ver Sentencia Completa...<\/a><\/div><\/div><\/div><\/div><\/div><\/div><\/div>\n","protected":false},"excerpt":{"rendered":"","protected":false},"author":1,"featured_media":0,"parent":0,"menu_order":0,"comment_status":"closed","ping_status":"closed","template":"","meta":{"footnotes":""},"class_list":["post-29706","page","type-page","status-publish","hentry"],"_links":{"self":[{"href":"https:\/\/www.dmsjuridica.com\/buscador_20179478954\/corteconstitucionalcronologico202454587\/wp-json\/wp\/v2\/pages\/29706","targetHints":{"allow":["GET"]}}],"collection":[{"href":"https:\/\/www.dmsjuridica.com\/buscador_20179478954\/corteconstitucionalcronologico202454587\/wp-json\/wp\/v2\/pages"}],"about":[{"href":"https:\/\/www.dmsjuridica.com\/buscador_20179478954\/corteconstitucionalcronologico202454587\/wp-json\/wp\/v2\/types\/page"}],"author":[{"embeddable":true,"href":"https:\/\/www.dmsjuridica.com\/buscador_20179478954\/corteconstitucionalcronologico202454587\/wp-json\/wp\/v2\/users\/1"}],"replies":[{"embeddable":true,"href":"https:\/\/www.dmsjuridica.com\/buscador_20179478954\/corteconstitucionalcronologico202454587\/wp-json\/wp\/v2\/comments?post=29706"}],"version-history":[{"count":1,"href":"https:\/\/www.dmsjuridica.com\/buscador_20179478954\/corteconstitucionalcronologico202454587\/wp-json\/wp\/v2\/pages\/29706\/revisions"}],"predecessor-version":[{"id":29707,"href":"https:\/\/www.dmsjuridica.com\/buscador_20179478954\/corteconstitucionalcronologico202454587\/wp-json\/wp\/v2\/pages\/29706\/revisions\/29707"}],"wp:attachment":[{"href":"https:\/\/www.dmsjuridica.com\/buscador_20179478954\/corteconstitucionalcronologico202454587\/wp-json\/wp\/v2\/media?parent=29706"}],"curies":[{"name":"wp","href":"https:\/\/api.w.org\/{rel}","templated":true}]}}