{"id":29708,"date":"2024-07-16T11:46:45","date_gmt":"2024-07-16T16:46:45","guid":{"rendered":"https:\/\/www.dmsjuridica.com\/buscador_20179478954\/corteconstitucionalcronologico202454587\/?page_id=29708"},"modified":"2024-07-16T11:46:45","modified_gmt":"2024-07-16T16:46:45","slug":"su-2016","status":"publish","type":"page","link":"https:\/\/www.dmsjuridica.com\/buscador_20179478954\/corteconstitucionalcronologico202454587\/su-2016\/","title":{"rendered":"SU 2016"},"content":{"rendered":"<div class=\"pt-cv-wrapper\"><div class=\"pt-cv-view pt-cv-grid pt-cv-colsys\" id=\"pt-cv-view-5a63c0dvlq\"><div data-id=\"pt-cv-page-1\" class=\"pt-cv-page\" data-cvc=\"1\"><div class=\"col-md-12 col-sm-12 col-xs-12 pt-cv-content-item pt-cv-1-col\" ><div class='pt-cv-ifield'><a href=\"https:\/\/www.dmsjuridica.com\/buscador_20179478954\/corteconstitucionalcronologico202454587\/su637-16\/\" class=\"_self pt-cv-href-thumbnail pt-cv-thumb-default\" target=\"_self\" ><\/a>\n<div class=\"pt-cv-taxoterm above_title\"><a href='https:\/\/www.dmsjuridica.com\/buscador_20179478954\/corteconstitucionalcronologico202454587\/category\/buscar-en-toda-la-corte\/2016\/sentencias-de-unificacion-2016\/' title='Sentencias de Unificaci\u00f3n 2016' class='pt-cv-tax-sentencias-de-unificacion-2016'>Sentencias de Unificaci\u00f3n 2016<\/a><\/div>\n<h4 class=\"pt-cv-title\"><a href=\"https:\/\/www.dmsjuridica.com\/buscador_20179478954\/corteconstitucionalcronologico202454587\/su637-16\/\" class=\"_self\" target=\"_self\" >SU637-16<\/a><\/h4>\n<div class=\"pt-cv-content\">\u00a0 \u00a0 \u00a0 \u00a0 \u00a0 \u00a0SU637-16 \u00a0 \u00a0 \u00a0 \u00a0 \u00a0 \u00a0\u00a0 Sentencia SU637\/16 \u00a0 \u00a0 ACCION DE TUTELA TEMERARIA-Identidad de partes, \u00a0 hechos y pretensiones \u00a0 \u00a0 Se incurre en temeridad en caso de que se presenten dos \u00a0 o m\u00e1s acciones de tutela que cuenten con identidad de demandante (ya sea que \u00a0 act\u00fae directamente o a trav\u00e9s de apoderado), identidad de hechos y la \u00a0 inexistencia de un factor que justifique la necesidad de interponer una nueva \u00a0 acci\u00f3n. \u00a0 \u00a0 ACCION DE TUTELA CONTRA PROVIDENCIAS JUDICIALES-Reiteraci\u00f3n de jurisprudencia sobre procedencia excepcional\u00a0\u00a0 \u00a0 \u00a0 ACCION DE TUTELA ...<br \/><div class=\"pt-cv-rmwrap\"><a href=\"https:\/\/www.dmsjuridica.com\/buscador_20179478954\/corteconstitucionalcronologico202454587\/su637-16\/\" class=\"_self pt-cv-readmore btn btn-success\" target=\"_self\">Ver Sentencia Completa...<\/a><\/div><\/div><\/div><\/div>\n<div class=\"col-md-12 col-sm-12 col-xs-12 pt-cv-content-item pt-cv-1-col\" ><div class='pt-cv-ifield'><a href=\"https:\/\/www.dmsjuridica.com\/buscador_20179478954\/corteconstitucionalcronologico202454587\/su588-16\/\" class=\"_self pt-cv-href-thumbnail pt-cv-thumb-default\" target=\"_self\" ><\/a>\n<div class=\"pt-cv-taxoterm above_title\"><a href='https:\/\/www.dmsjuridica.com\/buscador_20179478954\/corteconstitucionalcronologico202454587\/category\/buscar-en-toda-la-corte\/2016\/sentencias-de-unificacion-2016\/' title='Sentencias de Unificaci\u00f3n 2016' class='pt-cv-tax-sentencias-de-unificacion-2016'>Sentencias de Unificaci\u00f3n 2016<\/a><\/div>\n<h4 class=\"pt-cv-title\"><a href=\"https:\/\/www.dmsjuridica.com\/buscador_20179478954\/corteconstitucionalcronologico202454587\/su588-16\/\" class=\"_self\" target=\"_self\" >SU588-16<\/a><\/h4>\n<div class=\"pt-cv-content\">\u00a0 \u00a0 \u00a0 \u00a0 \u00a0 \u00a0SU588-16 \u00a0 \u00a0 \u00a0 \u00a0 \u00a0 \u00a0\u00a0 Sentencia SU588\/16 \u00a0 \u00a0 ACCION DE TUTELA PARA \u00a0 ORDENAR RECONOCIMIENTO Y PAGO DE LA PENSION DE INVALIDEZ-Procedencia excepcional \u00a0 \u00a0 ACCION \u00a0 DE TUTELA PARA EL RECONOCIMIENTO DE PENSION DE INVALIDEZ-Reglas de procedencia\u00a0 \u00a0 \u00a0 PERSONAS CON \u00a0 DISCAPACIDAD COMO SUJETOS DE ESPECIAL PROTECCION CONSTITUCIONAL-Protecci\u00f3n nacional e internacional\u00a0 \u00a0 \u00a0 El Estado Colombiano \u00a0 debe, a trav\u00e9s de todos sus estamentos, garantizar a todas las personas el \u00a0 efectivo goce de sus derechos constitucionales. En desarrollo de dicho mandato, \u00a0 la protecci\u00f3n que debe brindarse a las ...<br \/><div class=\"pt-cv-rmwrap\"><a href=\"https:\/\/www.dmsjuridica.com\/buscador_20179478954\/corteconstitucionalcronologico202454587\/su588-16\/\" class=\"_self pt-cv-readmore btn btn-success\" target=\"_self\">Ver Sentencia Completa...<\/a><\/div><\/div><\/div><\/div>\n<div class=\"col-md-12 col-sm-12 col-xs-12 pt-cv-content-item pt-cv-1-col\" ><div class='pt-cv-ifield'><a href=\"https:\/\/www.dmsjuridica.com\/buscador_20179478954\/corteconstitucionalcronologico202454587\/su587-16\/\" class=\"_self pt-cv-href-thumbnail pt-cv-thumb-default\" target=\"_self\" ><\/a>\n<div class=\"pt-cv-taxoterm above_title\"><a href='https:\/\/www.dmsjuridica.com\/buscador_20179478954\/corteconstitucionalcronologico202454587\/category\/buscar-en-toda-la-corte\/2016\/sentencias-de-unificacion-2016\/' title='Sentencias de Unificaci\u00f3n 2016' class='pt-cv-tax-sentencias-de-unificacion-2016'>Sentencias de Unificaci\u00f3n 2016<\/a><\/div>\n<h4 class=\"pt-cv-title\"><a href=\"https:\/\/www.dmsjuridica.com\/buscador_20179478954\/corteconstitucionalcronologico202454587\/su587-16\/\" class=\"_self\" target=\"_self\" >SU587-16<\/a><\/h4>\n<div class=\"pt-cv-content\">\u00a0 \u00a0 \u00a0 \u00a0 \u00a0 \u00a0SU587-16 \u00a0 \u00a0 \u00a0 \u00a0 \u00a0 \u00a0\u00a0 Sentencia \u00a0 SU587\/16 \u00a0 \u00a0 DERECHO DE PETICION-Atenci\u00f3n prioritaria a las solicitudes relacionadas con el \u00a0 reconocimiento de derechos fundamentales \u00a0 \u00a0 ATENCION PRIORITARIA A DERECHO DE PETICION-Subreglas \u00a0 \u00a0 Se configuran tres hip\u00f3tesis en las cuales una autoridad debe darle prelaci\u00f3n al \u00a0 tr\u00e1mite de una solicitud, esto es, (i) cuando se solicite el reconocimiento de \u00a0 un derecho fundamental y su pronta resoluci\u00f3n tenga la entidad necesaria para \u00a0 evitar la configuraci\u00f3n de un perjuicio irremediable; (ii) cuando se requiera la \u00a0 adopci\u00f3n de medidas urgentes ...<br \/><div class=\"pt-cv-rmwrap\"><a href=\"https:\/\/www.dmsjuridica.com\/buscador_20179478954\/corteconstitucionalcronologico202454587\/su587-16\/\" class=\"_self pt-cv-readmore btn btn-success\" target=\"_self\">Ver Sentencia Completa...<\/a><\/div><\/div><\/div><\/div>\n<div class=\"col-md-12 col-sm-12 col-xs-12 pt-cv-content-item pt-cv-1-col\" ><div class='pt-cv-ifield'><a href=\"https:\/\/www.dmsjuridica.com\/buscador_20179478954\/corteconstitucionalcronologico202454587\/su556-16\/\" class=\"_self pt-cv-href-thumbnail pt-cv-thumb-default\" target=\"_self\" ><\/a>\n<div class=\"pt-cv-taxoterm above_title\"><a href='https:\/\/www.dmsjuridica.com\/buscador_20179478954\/corteconstitucionalcronologico202454587\/category\/buscar-en-toda-la-corte\/2016\/sentencias-de-unificacion-2016\/' title='Sentencias de Unificaci\u00f3n 2016' class='pt-cv-tax-sentencias-de-unificacion-2016'>Sentencias de Unificaci\u00f3n 2016<\/a><\/div>\n<h4 class=\"pt-cv-title\"><a href=\"https:\/\/www.dmsjuridica.com\/buscador_20179478954\/corteconstitucionalcronologico202454587\/su556-16\/\" class=\"_self\" target=\"_self\" >SU556-16<\/a><\/h4>\n<div class=\"pt-cv-content\">\u00a0 \u00a0 \u00a0 \u00a0 \u00a0 \u00a0SU556-16 \u00a0 \u00a0 \u00a0 \u00a0 \u00a0 \u00a0\u00a0 Sentencia SU556\/16 \u00a0 \u00a0 ACCION DE \u00a0 TUTELA CONTRA PROVIDENCIAS JUDICIALES-Reiteraci\u00f3n de jurisprudencia sobre \u00a0 procedencia excepcional\u00a0 \u00a0 \u00a0 ACCION DE \u00a0 TUTELA CONTRA PROVIDENCIAS JUDICIALES-Requisitos generales y especiales de \u00a0 procedibilidad\u00a0 \u00a0 \u00a0 ACCION DE \u00a0 TUTELA CONTRA LAUDO ARBITRAL-Procedencia excepcional\u00a0 \u00a0 \u00a0 ACCION DE \u00a0 TUTELA CONTRA LAUDO ARBITRAL Y PRINCIPIO DE SUBSIDIARIEDAD-Existen recursos \u00a0 de anulaci\u00f3n y homologaci\u00f3n para controvertir los laudos arbitrales \u00a0 \u00a0 ACCION DE \u00a0 TUTELA CONTRA LAUDO ARBITRAL-Procedencia excepcional por vulneraci\u00f3n de \u00a0 derechos fundamentales\u00a0 \u00a0 \u00a0 Esta Corte ha sostenido ...<br \/><div class=\"pt-cv-rmwrap\"><a href=\"https:\/\/www.dmsjuridica.com\/buscador_20179478954\/corteconstitucionalcronologico202454587\/su556-16\/\" class=\"_self pt-cv-readmore btn btn-success\" target=\"_self\">Ver Sentencia Completa...<\/a><\/div><\/div><\/div><\/div>\n<div class=\"col-md-12 col-sm-12 col-xs-12 pt-cv-content-item pt-cv-1-col\" ><div class='pt-cv-ifield'><a href=\"https:\/\/www.dmsjuridica.com\/buscador_20179478954\/corteconstitucionalcronologico202454587\/su542-16\/\" class=\"_self pt-cv-href-thumbnail pt-cv-thumb-default\" target=\"_self\" ><\/a>\n<div class=\"pt-cv-taxoterm above_title\"><a href='https:\/\/www.dmsjuridica.com\/buscador_20179478954\/corteconstitucionalcronologico202454587\/category\/buscar-en-toda-la-corte\/2016\/sentencias-de-unificacion-2016\/' title='Sentencias de Unificaci\u00f3n 2016' class='pt-cv-tax-sentencias-de-unificacion-2016'>Sentencias de Unificaci\u00f3n 2016<\/a><\/div>\n<h4 class=\"pt-cv-title\"><a href=\"https:\/\/www.dmsjuridica.com\/buscador_20179478954\/corteconstitucionalcronologico202454587\/su542-16\/\" class=\"_self\" target=\"_self\" >SU542-16<\/a><\/h4>\n<div class=\"pt-cv-content\">\u00a0 \u00a0 \u00a0 \u00a0 \u00a0 \u00a0SU542-16 \u00a0 \u00a0 \u00a0 \u00a0 \u00a0 \u00a0\u00a0 Sentencia SU542\/16 \u00a0 \u00a0 CAMBIO DE PRECEDENTE EN EL TERMINO DE \u00a0 CONTABILIZACION DE LA PRESCRIPCION DEL DERECHO A LA INDEXACION DE LA PRIMERA \u00a0 MESADA PENSIONAL\u00a0 \u00a0 \u00a0 ACCION DE TUTELA CONTRA PROVIDENCIAS JUDICIALES-Requisitos generales y especiales \u00a0 de procedibilidad \u00a0 \u00a0 DESCONOCIMIENTO DEL PRECEDENTE COMO CAUSAL ESPECIFICA DE PROCEDIBILIDAD DE LA \u00a0 ACCION DE TUTELA CONTRA PROVIDENCIAS JUDICIALES-Reiteraci\u00f3n de jurisprudencia \u00a0 \u00a0 DERECHO A LA INDEXACION DE LA PRIMERA MESADA PENSIONAL EN SITUACIONES ANTERIORES \u00a0 A LA EXPEDICION DE LA CONSTITUCION DE 1991 \u00a0 \u00a0 INDEXACION ...<br \/><div class=\"pt-cv-rmwrap\"><a href=\"https:\/\/www.dmsjuridica.com\/buscador_20179478954\/corteconstitucionalcronologico202454587\/su542-16\/\" class=\"_self pt-cv-readmore btn btn-success\" target=\"_self\">Ver Sentencia Completa...<\/a><\/div><\/div><\/div><\/div>\n<div class=\"col-md-12 col-sm-12 col-xs-12 pt-cv-content-item pt-cv-1-col\" ><div class='pt-cv-ifield'><a href=\"https:\/\/www.dmsjuridica.com\/buscador_20179478954\/corteconstitucionalcronologico202454587\/su499-16\/\" class=\"_self pt-cv-href-thumbnail pt-cv-thumb-default\" target=\"_self\" ><\/a>\n<div class=\"pt-cv-taxoterm above_title\"><a href='https:\/\/www.dmsjuridica.com\/buscador_20179478954\/corteconstitucionalcronologico202454587\/category\/buscar-en-toda-la-corte\/2016\/sentencias-de-unificacion-2016\/' title='Sentencias de Unificaci\u00f3n 2016' class='pt-cv-tax-sentencias-de-unificacion-2016'>Sentencias de Unificaci\u00f3n 2016<\/a><\/div>\n<h4 class=\"pt-cv-title\"><a href=\"https:\/\/www.dmsjuridica.com\/buscador_20179478954\/corteconstitucionalcronologico202454587\/su499-16\/\" class=\"_self\" target=\"_self\" >SU499-16<\/a><\/h4>\n<div class=\"pt-cv-content\">Sentencia SU499\/16 \u00a0 \u00a0 PRINCIPIO DE INMEDIATEZ COMO REQUISITO DE PROCEDIBILIDAD DE LA ACCION DE TUTELA-Debe \u00a0 ponderarse bajo el criterio del plazo razonable y oportuno\u00a0 \u00a0 \u00a0 PRINCIPIO DE INMEDIATEZ Y VULNERACION DEL DERECHO A LA SEGURIDAD SOCIAL POR NO \u00a0 RECONOCIMIENTO DE PENSION DE SOBREVIVIENTES-Vulneraci\u00f3n persiste en el \u00a0 tiempo \u00a0 \u00a0 En aquellos casos en que la acci\u00f3n de tutela se interponga contra una \u00a0 providencia judicial, que sustent\u00f3 la negaci\u00f3n del derecho a la pensi\u00f3n de \u00a0 sobreviviente en una norma inconstitucional, el requisito de inmediatez debe \u00a0 analizarse bajo el presupuesto de que la falta ...<br \/><div class=\"pt-cv-rmwrap\"><a href=\"https:\/\/www.dmsjuridica.com\/buscador_20179478954\/corteconstitucionalcronologico202454587\/su499-16\/\" class=\"_self pt-cv-readmore btn btn-success\" target=\"_self\">Ver Sentencia Completa...<\/a><\/div><\/div><\/div><\/div>\n<div class=\"col-md-12 col-sm-12 col-xs-12 pt-cv-content-item pt-cv-1-col\" ><div class='pt-cv-ifield'><a href=\"https:\/\/www.dmsjuridica.com\/buscador_20179478954\/corteconstitucionalcronologico202454587\/su498-16\/\" class=\"_self pt-cv-href-thumbnail pt-cv-thumb-default\" target=\"_self\" ><\/a>\n<div class=\"pt-cv-taxoterm above_title\"><a href='https:\/\/www.dmsjuridica.com\/buscador_20179478954\/corteconstitucionalcronologico202454587\/category\/buscar-en-toda-la-corte\/2016\/sentencias-de-unificacion-2016\/' title='Sentencias de Unificaci\u00f3n 2016' class='pt-cv-tax-sentencias-de-unificacion-2016'>Sentencias de Unificaci\u00f3n 2016<\/a><\/div>\n<h4 class=\"pt-cv-title\"><a href=\"https:\/\/www.dmsjuridica.com\/buscador_20179478954\/corteconstitucionalcronologico202454587\/su498-16\/\" class=\"_self\" target=\"_self\" >SU498-16<\/a><\/h4>\n<div class=\"pt-cv-content\">\u00a0 \u00a0 \u00a0 \u00a0 \u00a0 \u00a0SU498-16 \u00a0 \u00a0 \u00a0 \u00a0 \u00a0 \u00a0\u00a0 Sentencia SU498\/16 \u00a0 \u00a0 ACCION DE TUTELA CONTRA PROVIDENCIAS JUDICIALES-Reiteraci\u00f3n \u00a0 de jurisprudencia sobre procedencia excepcional \u00a0 \u00a0 ACCION DE TUTELA CONTRA PROVIDENCIAS JUDICIALES-Requisitos \u00a0 generales y especiales de procedibilidad\u00a0 \u00a0 \u00a0 CARACTERIZACION DEL DEFECTO MATERIAL O SUSTANTIVO \u00a0 COMO CAUSAL DE PROCEDIBILIDAD DE LA ACCION DE TUTELA CONTRA PROVIDENCIAS \u00a0 JUDICIALES-Reiteraci\u00f3n de jurisprudencia \u00a0 \u00a0 CARACTERIZACION DEL DEFECTO FACTICO COMO CAUSAL \u00a0 ESPECIFICA DE PROCEDIBILIDAD DE LA ACCION DE TUTELA CONTRA PROVIDENCIAS \u00a0 JUDICIALES \u00a0 \u00a0 CARACTERIZACION DEL DEFECTO PROCEDIMENTAL COMO \u00a0 CAUSAL ESPECIFICA DE PROCEDIBILIDAD DE ...<br \/><div class=\"pt-cv-rmwrap\"><a href=\"https:\/\/www.dmsjuridica.com\/buscador_20179478954\/corteconstitucionalcronologico202454587\/su498-16\/\" class=\"_self pt-cv-readmore btn btn-success\" target=\"_self\">Ver Sentencia Completa...<\/a><\/div><\/div><\/div><\/div>\n<div class=\"col-md-12 col-sm-12 col-xs-12 pt-cv-content-item pt-cv-1-col\" ><div class='pt-cv-ifield'><a href=\"https:\/\/www.dmsjuridica.com\/buscador_20179478954\/corteconstitucionalcronologico202454587\/su490-16\/\" class=\"_self pt-cv-href-thumbnail pt-cv-thumb-default\" target=\"_self\" ><\/a>\n<div class=\"pt-cv-taxoterm above_title\"><a href='https:\/\/www.dmsjuridica.com\/buscador_20179478954\/corteconstitucionalcronologico202454587\/category\/buscar-en-toda-la-corte\/2016\/sentencias-de-unificacion-2016\/' title='Sentencias de Unificaci\u00f3n 2016' class='pt-cv-tax-sentencias-de-unificacion-2016'>Sentencias de Unificaci\u00f3n 2016<\/a><\/div>\n<h4 class=\"pt-cv-title\"><a href=\"https:\/\/www.dmsjuridica.com\/buscador_20179478954\/corteconstitucionalcronologico202454587\/su490-16\/\" class=\"_self\" target=\"_self\" >SU490-16<\/a><\/h4>\n<div class=\"pt-cv-content\">\u00a0 \u00a0 \u00a0 \u00a0 \u00a0 \u00a0SU490-16 \u00a0 \u00a0 \u00a0 \u00a0 \u00a0 \u00a0\u00a0 Sentencia SU490\/16 \u00a0 \u00a0 ACCION DE TUTELA CONTRA PROVIDENCIAS JUDICIALES-Reiteraci\u00f3n \u00a0 de jurisprudencia sobre procedencia excepcional \u00a0 \u00a0 ACCION DE TUTELA CONTRA PROVIDENCIAS JUDICIALES-Requisitos \u00a0 generales y especiales de procedibilidad\u00a0 \u00a0 \u00a0 CARACTERIZACION DEL DEFECTO PROCEDIMENTAL COMO \u00a0 CAUSAL ESPECIFICA DE PROCEDIBILIDAD DE LA ACCION DE TUTELA CONTRA PROVIDENCIAS \u00a0 JUDICIALES\u00a0 \u00a0 \u00a0 CARACTERIZACION DEL DEFECTO FACTICO COMO CAUSAL \u00a0 ESPECIFICA DE PROCEDIBILIDAD DE LA ACCION DE TUTELA CONTRA PROVIDENCIAS \u00a0 JUDICIALES \u00a0 \u00a0 DEFECTO SUSTANTIVO COMO CAUSAL ESPECIFICA DE \u00a0 PROCEDIBILIDAD DE LA ACCION DE TUTELA CONTRA ...<br \/><div class=\"pt-cv-rmwrap\"><a href=\"https:\/\/www.dmsjuridica.com\/buscador_20179478954\/corteconstitucionalcronologico202454587\/su490-16\/\" class=\"_self pt-cv-readmore btn btn-success\" target=\"_self\">Ver Sentencia Completa...<\/a><\/div><\/div><\/div><\/div>\n<div class=\"col-md-12 col-sm-12 col-xs-12 pt-cv-content-item pt-cv-1-col\" ><div class='pt-cv-ifield'><a href=\"https:\/\/www.dmsjuridica.com\/buscador_20179478954\/corteconstitucionalcronologico202454587\/su489-16\/\" class=\"_self pt-cv-href-thumbnail pt-cv-thumb-default\" target=\"_self\" ><\/a>\n<div class=\"pt-cv-taxoterm above_title\"><a href='https:\/\/www.dmsjuridica.com\/buscador_20179478954\/corteconstitucionalcronologico202454587\/category\/buscar-en-toda-la-corte\/2016\/sentencias-de-unificacion-2016\/' title='Sentencias de Unificaci\u00f3n 2016' class='pt-cv-tax-sentencias-de-unificacion-2016'>Sentencias de Unificaci\u00f3n 2016<\/a><\/div>\n<h4 class=\"pt-cv-title\"><a href=\"https:\/\/www.dmsjuridica.com\/buscador_20179478954\/corteconstitucionalcronologico202454587\/su489-16\/\" class=\"_self\" target=\"_self\" >SU489-16<\/a><\/h4>\n<div class=\"pt-cv-content\">\u00a0 \u00a0 \u00a0 \u00a0 \u00a0 \u00a0SU489-16 \u00a0 \u00a0 \u00a0 \u00a0 \u00a0 \u00a0\u00a0 Sentencia SU489\/16 \u00a0 \u00a0 ACCION DE TUTELA CONTRA PROVIDENCIAS JUDICIALES-Reiteraci\u00f3n \u00a0 de jurisprudencia sobre procedencia excepcional \u00a0 \u00a0 ACCION DE TUTELA CONTRA PROVIDENCIAS JUDICIALES-Evoluci\u00f3n \u00a0 jurisprudencial respecto al reemplazo de la expresi\u00f3n \"v\u00eda de hecho\" por la de \u00a0 \"causales gen\u00e9ricas de procedibilidad\"\u00a0 \u00a0 \u00a0 ACCION DE TUTELA CONTRA PROVIDENCIAS JUDICIALES-Requisitos \u00a0 generales y especiales de procedibilidad\u00a0 \u00a0 \u00a0 ACCION DE TUTELA CONTRA PROVIDENCIAS JUDICIALES-Improcedencia \u00a0 por no configurarse defecto por falta de motivaci\u00f3n por cuanto la controversia \u00a0 radica en el contenido de la motivaci\u00f3n y no ...<br \/><div class=\"pt-cv-rmwrap\"><a href=\"https:\/\/www.dmsjuridica.com\/buscador_20179478954\/corteconstitucionalcronologico202454587\/su489-16\/\" class=\"_self pt-cv-readmore btn btn-success\" target=\"_self\">Ver Sentencia Completa...<\/a><\/div><\/div><\/div><\/div>\n<div class=\"col-md-12 col-sm-12 col-xs-12 pt-cv-content-item pt-cv-1-col\" ><div class='pt-cv-ifield'><a href=\"https:\/\/www.dmsjuridica.com\/buscador_20179478954\/corteconstitucionalcronologico202454587\/su454-16\/\" class=\"_self pt-cv-href-thumbnail pt-cv-thumb-default\" target=\"_self\" ><\/a>\n<div class=\"pt-cv-taxoterm above_title\"><a href='https:\/\/www.dmsjuridica.com\/buscador_20179478954\/corteconstitucionalcronologico202454587\/category\/buscar-en-toda-la-corte\/2016\/sentencias-de-unificacion-2016\/' title='Sentencias de Unificaci\u00f3n 2016' class='pt-cv-tax-sentencias-de-unificacion-2016'>Sentencias de Unificaci\u00f3n 2016<\/a><\/div>\n<h4 class=\"pt-cv-title\"><a href=\"https:\/\/www.dmsjuridica.com\/buscador_20179478954\/corteconstitucionalcronologico202454587\/su454-16\/\" class=\"_self\" target=\"_self\" >SU454-16<\/a><\/h4>\n<div class=\"pt-cv-content\">\u00a0 \u00a0 \u00a0 \u00a0 \u00a0 \u00a0SU454-16 \u00a0 \u00a0 \u00a0 \u00a0 \u00a0 \u00a0\u00a0 Sentencia SU454\/16 \u00a0 \u00a0 ACCION DE TUTELA CONTRA PROVIDENCIAS JUDICIALES-Requisitos generales y especiales de procedibilidad \u00a0 \u00a0 CARACTERIZACION DEL DEFECTO PROCEDIMENTAL POR EXCESO RITUAL \u00a0 MANIFIESTO-Reiteraci\u00f3n de jurisprudencia \u00a0 \u00a0 El defecto procedimental se sustenta en el desconocimiento de los derechos \u00a0 fundamentales al debido proceso y de acceso a la administraci\u00f3n de justicia, en \u00a0 este \u00faltimo caso, por obstaculizar su ejercicio y vulnerar el principio de \u00a0 prevalencia del derecho sustancial sobre el procedimental. \u00a0 \u00a0 DEFECTO PROCEDIMENTAL POR EXCESO RITUAL MANIFIESTO EN MATERIA \u00a0 PROBATORIA ...<br \/><div class=\"pt-cv-rmwrap\"><a href=\"https:\/\/www.dmsjuridica.com\/buscador_20179478954\/corteconstitucionalcronologico202454587\/su454-16\/\" class=\"_self pt-cv-readmore btn btn-success\" target=\"_self\">Ver Sentencia Completa...<\/a><\/div><\/div><\/div><\/div>\n<div class=\"col-md-12 col-sm-12 col-xs-12 pt-cv-content-item pt-cv-1-col\" ><div class='pt-cv-ifield'><a href=\"https:\/\/www.dmsjuridica.com\/buscador_20179478954\/corteconstitucionalcronologico202454587\/su449-16\/\" class=\"_self pt-cv-href-thumbnail pt-cv-thumb-default\" target=\"_self\" ><\/a>\n<div class=\"pt-cv-taxoterm above_title\"><a href='https:\/\/www.dmsjuridica.com\/buscador_20179478954\/corteconstitucionalcronologico202454587\/category\/buscar-en-toda-la-corte\/2016\/sentencias-de-unificacion-2016\/' title='Sentencias de Unificaci\u00f3n 2016' class='pt-cv-tax-sentencias-de-unificacion-2016'>Sentencias de Unificaci\u00f3n 2016<\/a><\/div>\n<h4 class=\"pt-cv-title\"><a href=\"https:\/\/www.dmsjuridica.com\/buscador_20179478954\/corteconstitucionalcronologico202454587\/su449-16\/\" class=\"_self\" target=\"_self\" >SU449-16<\/a><\/h4>\n<div class=\"pt-cv-content\">\u00a0 \u00a0 \u00a0 \u00a0 \u00a0 \u00a0SU449-16 \u00a0 \u00a0 \u00a0 \u00a0 \u00a0 \u00a0\u00a0 ACCION \u00a0 DE TUTELA CONTRA PROVIDENCIAS JUDICIALES-Requisitos \u00a0 generales y especiales de procedibilidad \u00a0 \u00a0 DEFECTO MATERIAL O SUSTANTIVO-Configuraci\u00f3n \u00a0 \u00a0 DEFECTO SUSTANTIVO POR INTERPRETACION ERRONEA O IRRAZONABLE DE LA NORMA-Hip\u00f3tesis \u00a0 en las cuales puede incurrir la autoridad judicial \u00a0 \u00a0 El defecto sustantivo aparece cuando la \u00a0 autoridad judicial desconoce las disposiciones de rango legal o infralegal \u00a0 aplicables en un caso determinado. Espec\u00edficamente, de conformidad con la \u00a0 jurisprudencia constitucional, una providencia judicial adolece de un defecto \u00a0 sustantivo cuando la autoridad jurisdiccional (i) aplica ...<br \/><div class=\"pt-cv-rmwrap\"><a href=\"https:\/\/www.dmsjuridica.com\/buscador_20179478954\/corteconstitucionalcronologico202454587\/su449-16\/\" class=\"_self pt-cv-readmore btn btn-success\" target=\"_self\">Ver Sentencia Completa...<\/a><\/div><\/div><\/div><\/div>\n<div class=\"col-md-12 col-sm-12 col-xs-12 pt-cv-content-item pt-cv-1-col\" ><div class='pt-cv-ifield'><a href=\"https:\/\/www.dmsjuridica.com\/buscador_20179478954\/corteconstitucionalcronologico202454587\/su448-16\/\" class=\"_self pt-cv-href-thumbnail pt-cv-thumb-default\" target=\"_self\" ><\/a>\n<div class=\"pt-cv-taxoterm above_title\"><a href='https:\/\/www.dmsjuridica.com\/buscador_20179478954\/corteconstitucionalcronologico202454587\/category\/buscar-en-toda-la-corte\/2016\/sentencias-de-unificacion-2016\/' title='Sentencias de Unificaci\u00f3n 2016' class='pt-cv-tax-sentencias-de-unificacion-2016'>Sentencias de Unificaci\u00f3n 2016<\/a><\/div>\n<h4 class=\"pt-cv-title\"><a href=\"https:\/\/www.dmsjuridica.com\/buscador_20179478954\/corteconstitucionalcronologico202454587\/su448-16\/\" class=\"_self\" target=\"_self\" >SU448-16<\/a><\/h4>\n<div class=\"pt-cv-content\">\u00a0 \u00a0 \u00a0 \u00a0 \u00a0 \u00a0SU448-16 \u00a0 \u00a0 \u00a0 \u00a0 \u00a0 \u00a0\u00a0 Sentencia \u00a0 SU448\/16 \u00a0 \u00a0 ACCION DE TUTELA \u00a0 CONTRA PROVIDENCIAS JUDICIALES-Requisitos generales y especiales de \u00a0 procedibilidad \u00a0 \u00a0 El defecto sustantivo surge de la importancia que tiene una argumentaci\u00f3n \u00a0 suficiente y motivada por parte de los jueces dentro de las sentencias que \u00a0 profieren, convirti\u00e9ndose en una causal aut\u00f3noma de procedencia de la acci\u00f3n de \u00a0 tutela contra providencia judicial. Lo anterior, por cuanto se cumple con la \u00a0 obligaci\u00f3n de que los fallos judiciales deben ser p\u00fablicos, y las decisiones \u00a0 ser\u00e1n objetivas y ...<br \/><div class=\"pt-cv-rmwrap\"><a href=\"https:\/\/www.dmsjuridica.com\/buscador_20179478954\/corteconstitucionalcronologico202454587\/su448-16\/\" class=\"_self pt-cv-readmore btn btn-success\" target=\"_self\">Ver Sentencia Completa...<\/a><\/div><\/div><\/div><\/div>\n<div class=\"col-md-12 col-sm-12 col-xs-12 pt-cv-content-item pt-cv-1-col\" ><div class='pt-cv-ifield'><a href=\"https:\/\/www.dmsjuridica.com\/buscador_20179478954\/corteconstitucionalcronologico202454587\/su443-16\/\" class=\"_self pt-cv-href-thumbnail pt-cv-thumb-default\" target=\"_self\" ><\/a>\n<div class=\"pt-cv-taxoterm above_title\"><a href='https:\/\/www.dmsjuridica.com\/buscador_20179478954\/corteconstitucionalcronologico202454587\/category\/buscar-en-toda-la-corte\/2016\/sentencias-de-unificacion-2016\/' title='Sentencias de Unificaci\u00f3n 2016' class='pt-cv-tax-sentencias-de-unificacion-2016'>Sentencias de Unificaci\u00f3n 2016<\/a><\/div>\n<h4 class=\"pt-cv-title\"><a href=\"https:\/\/www.dmsjuridica.com\/buscador_20179478954\/corteconstitucionalcronologico202454587\/su443-16\/\" class=\"_self\" target=\"_self\" >SU443-16<\/a><\/h4>\n<div class=\"pt-cv-content\">\u00a0 \u00a0 \u00a0 \u00a0 \u00a0 \u00a0SU443-16 \u00a0 \u00a0 \u00a0 \u00a0 \u00a0 \u00a0\u00a0 Sentencia SU443\/16 \u00a0 \u00a0 DERECHOS AL DEBIDO PROCESO Y ACCESO A LA \u00a0 ADMINISTRACION DE JUSTICIA DE EXTRABAJADORES DE EMBAJADAS EN COLOMBIA-Caso en el \u00a0 cual se solicita embargo a bienes de embajadas por decisiones judiciales que \u00a0 reconocieron la existencia de relaciones laborales a extrabajadores \u00a0 \u00a0 JURISDICCION-Concepto\/JURISDICCION-Ejercicio \u00a0 \u00a0 El ejercicio de la jurisdicci\u00f3n es un corolario del principio de soberan\u00eda \u00a0 territorial de los Estados. Seg\u00fan este principio, los jueces de cada Estado \u00a0 tienen la potestad de adoptar decisiones vinculantes de acuerdo con sus ...<br \/><div class=\"pt-cv-rmwrap\"><a href=\"https:\/\/www.dmsjuridica.com\/buscador_20179478954\/corteconstitucionalcronologico202454587\/su443-16\/\" class=\"_self pt-cv-readmore btn btn-success\" target=\"_self\">Ver Sentencia Completa...<\/a><\/div><\/div><\/div><\/div>\n<div class=\"col-md-12 col-sm-12 col-xs-12 pt-cv-content-item pt-cv-1-col\" ><div class='pt-cv-ifield'><a href=\"https:\/\/www.dmsjuridica.com\/buscador_20179478954\/corteconstitucionalcronologico202454587\/su442-16\/\" class=\"_self pt-cv-href-thumbnail pt-cv-thumb-default\" target=\"_self\" ><\/a>\n<div class=\"pt-cv-taxoterm above_title\"><a href='https:\/\/www.dmsjuridica.com\/buscador_20179478954\/corteconstitucionalcronologico202454587\/category\/buscar-en-toda-la-corte\/2016\/sentencias-de-unificacion-2016\/' title='Sentencias de Unificaci\u00f3n 2016' class='pt-cv-tax-sentencias-de-unificacion-2016'>Sentencias de Unificaci\u00f3n 2016<\/a><\/div>\n<h4 class=\"pt-cv-title\"><a href=\"https:\/\/www.dmsjuridica.com\/buscador_20179478954\/corteconstitucionalcronologico202454587\/su442-16\/\" class=\"_self\" target=\"_self\" >SU442-16<\/a><\/h4>\n<div class=\"pt-cv-content\">\u00a0 \u00a0 \u00a0 \u00a0 \u00a0 \u00a0SU442-16 \u00a0 \u00a0 \u00a0 \u00a0 \u00a0 \u00a0\u00a0 Sentencia SU442\/16 \u00a0 \u00a0 ACCION DE TUTELA PARA RECONOCIMIENTO DE PENSION DE INVALIDEZ-Procedencia \u00a0 excepcional por afectaci\u00f3n al m\u00ednimo vital y vida digna de sujetos de especial \u00a0 protecci\u00f3n \u00a0 \u00a0 SUJETOS DE ESPECIAL PROTECCION CONSTITUCIONAL QUE SE ENCUENTRAN \u00a0 EN UN ESTADO DE DEBILIDAD MANIFIESTA-Flexibilidad del juez constitucional al \u00a0 estudiar procedencia de la acci\u00f3n de tutela para reconocimiento de pensi\u00f3n de \u00a0 invalidez \u00a0 \u00a0 La jurisprudencia ha se\u00f1alado que \u00a0 el juez constitucional debe ser m\u00e1s flexible al estudiar la procedibilidad \u00a0 cuando el actor ...<br \/><div class=\"pt-cv-rmwrap\"><a href=\"https:\/\/www.dmsjuridica.com\/buscador_20179478954\/corteconstitucionalcronologico202454587\/su442-16\/\" class=\"_self pt-cv-readmore btn btn-success\" target=\"_self\">Ver Sentencia Completa...<\/a><\/div><\/div><\/div><\/div>\n<div class=\"col-md-12 col-sm-12 col-xs-12 pt-cv-content-item pt-cv-1-col\" ><div class='pt-cv-ifield'><a href=\"https:\/\/www.dmsjuridica.com\/buscador_20179478954\/corteconstitucionalcronologico202454587\/su428-16\/\" class=\"_self pt-cv-href-thumbnail pt-cv-thumb-default\" target=\"_self\" ><\/a>\n<div class=\"pt-cv-taxoterm above_title\"><a href='https:\/\/www.dmsjuridica.com\/buscador_20179478954\/corteconstitucionalcronologico202454587\/category\/buscar-en-toda-la-corte\/2016\/sentencias-de-unificacion-2016\/' title='Sentencias de Unificaci\u00f3n 2016' class='pt-cv-tax-sentencias-de-unificacion-2016'>Sentencias de Unificaci\u00f3n 2016<\/a><\/div>\n<h4 class=\"pt-cv-title\"><a href=\"https:\/\/www.dmsjuridica.com\/buscador_20179478954\/corteconstitucionalcronologico202454587\/su428-16\/\" class=\"_self\" target=\"_self\" >SU428-16<\/a><\/h4>\n<div class=\"pt-cv-content\">\u00a0 \u00a0 \u00a0 \u00a0 \u00a0 \u00a0SU428-16 \u00a0 \u00a0 \u00a0 \u00a0 \u00a0 \u00a0\u00a0 Sentencia SU428\/16 \u00a0 \u00a0 ACCION DE TUTELA CONTRA PROVIDENCIAS JUDICIALES-Requisitos generales y especiales de procedibilidad \u00a0 \u00a0 ACCION DE TUTELA Y PRINCIPIO DE INMEDIATEZ-Excepciones para aceptar que se presente en un extenso espacio de \u00a0 tiempo entre vulneraci\u00f3n y presentaci\u00f3n \u00a0 \u00a0 Se han indicado los \u00a0 dos \u00fanicos casos en los que no es exigible el principio de inmediatez de modo \u00a0 estricto: (i)\u00a0cuando\u00a0 se demuestre que la vulneraci\u00f3n es permanente en el \u00a0 tiempo y que, pese a que el hecho que la origin\u00f3 por primera ...<br \/><div class=\"pt-cv-rmwrap\"><a href=\"https:\/\/www.dmsjuridica.com\/buscador_20179478954\/corteconstitucionalcronologico202454587\/su428-16\/\" class=\"_self pt-cv-readmore btn btn-success\" target=\"_self\">Ver Sentencia Completa...<\/a><\/div><\/div><\/div><\/div>\n<div class=\"col-md-12 col-sm-12 col-xs-12 pt-cv-content-item pt-cv-1-col\" ><div class='pt-cv-ifield'><a href=\"https:\/\/www.dmsjuridica.com\/buscador_20179478954\/corteconstitucionalcronologico202454587\/su427-16\/\" class=\"_self pt-cv-href-thumbnail pt-cv-thumb-default\" target=\"_self\" ><\/a>\n<div class=\"pt-cv-taxoterm above_title\"><a href='https:\/\/www.dmsjuridica.com\/buscador_20179478954\/corteconstitucionalcronologico202454587\/category\/buscar-en-toda-la-corte\/2016\/sentencias-de-unificacion-2016\/' title='Sentencias de Unificaci\u00f3n 2016' class='pt-cv-tax-sentencias-de-unificacion-2016'>Sentencias de Unificaci\u00f3n 2016<\/a><\/div>\n<h4 class=\"pt-cv-title\"><a href=\"https:\/\/www.dmsjuridica.com\/buscador_20179478954\/corteconstitucionalcronologico202454587\/su427-16\/\" class=\"_self\" target=\"_self\" >SU427-16<\/a><\/h4>\n<div class=\"pt-cv-content\">\u00a0 \u00a0 \u00a0 \u00a0 \u00a0 \u00a0SU427-16 \u00a0 \u00a0 \u00a0 \u00a0 \u00a0 \u00a0\u00a0 Sentencia SU427\/16 \u00a0 \u00a0 LEGITIMACION EN LA CAUSA POR ACTIVA EN \u00a0 TUTELA DE PERSONA JURIDICA-UGPP \u00a0 es titular de derechos fundamentales como el debido proceso \u00a0 \u00a0 ACCION DE TUTELA CONTRA PROVIDENCIAS \u00a0 JUDICIALES-Requisitos \u00a0 generales y especiales de procedibilidad \u00a0 \u00a0 CARACTERIZACION DEL DEFECTO MATERIAL O \u00a0 SUSTANTIVO COMO CAUSAL DE PROCEDIBILIDAD DE LA ACCION DE TUTELA CONTRA \u00a0 PROVIDENCIAS JUDICIALES-Reiteraci\u00f3n \u00a0 de jurisprudencia \u00a0 \u00a0 Esta Corporaci\u00f3n ha caracterizado el defecto sustantivo como la existencia de un \u00a0 error en una providencia judicial originado en ...<br \/><div class=\"pt-cv-rmwrap\"><a href=\"https:\/\/www.dmsjuridica.com\/buscador_20179478954\/corteconstitucionalcronologico202454587\/su427-16\/\" class=\"_self pt-cv-readmore btn btn-success\" target=\"_self\">Ver Sentencia Completa...<\/a><\/div><\/div><\/div><\/div>\n<div class=\"col-md-12 col-sm-12 col-xs-12 pt-cv-content-item pt-cv-1-col\" ><div class='pt-cv-ifield'><a href=\"https:\/\/www.dmsjuridica.com\/buscador_20179478954\/corteconstitucionalcronologico202454587\/su426-16\/\" class=\"_self pt-cv-href-thumbnail pt-cv-thumb-default\" target=\"_self\" ><\/a>\n<div class=\"pt-cv-taxoterm above_title\"><a href='https:\/\/www.dmsjuridica.com\/buscador_20179478954\/corteconstitucionalcronologico202454587\/category\/buscar-en-toda-la-corte\/2016\/sentencias-de-unificacion-2016\/' title='Sentencias de Unificaci\u00f3n 2016' class='pt-cv-tax-sentencias-de-unificacion-2016'>Sentencias de Unificaci\u00f3n 2016<\/a><\/div>\n<h4 class=\"pt-cv-title\"><a href=\"https:\/\/www.dmsjuridica.com\/buscador_20179478954\/corteconstitucionalcronologico202454587\/su426-16\/\" class=\"_self\" target=\"_self\" >SU426-16<\/a><\/h4>\n<div class=\"pt-cv-content\">\u00a0 \u00a0 \u00a0 \u00a0 \u00a0 \u00a0SU426-16 \u00a0 \u00a0 \u00a0 \u00a0 \u00a0 \u00a0\u00a0 Sentencia SU426\/16 \u00a0 \u00a0 DERECHO DE ACCESO A LA TIERRA DE POBLACION CAMPESINA-Procedencia de tutela para evaluar presunta negligencia estatal en \u00a0 relaci\u00f3n con la situaci\u00f3n del predio declarado bald\u00edo y ocupado por campesinos \u00a0 v\u00edctimas del conflicto armado \u00a0 \u00a0 La relevancia constitucional del caso, y la necesidad de un pronunciamiento del \u00a0 juez constitucional, se confirma por la aparente victimizaci\u00f3n que han \u00a0 enfrentado los ocupantes hist\u00f3ricos del lugar, que configuran una compleja \u00a0 situaci\u00f3n local de Derechos Humanos, derivada del conflicto armado, que \u00a0 presuntamente ...<br \/><div class=\"pt-cv-rmwrap\"><a href=\"https:\/\/www.dmsjuridica.com\/buscador_20179478954\/corteconstitucionalcronologico202454587\/su426-16\/\" class=\"_self pt-cv-readmore btn btn-success\" target=\"_self\">Ver Sentencia Completa...<\/a><\/div><\/div><\/div><\/div>\n<div class=\"col-md-12 col-sm-12 col-xs-12 pt-cv-content-item pt-cv-1-col\" ><div class='pt-cv-ifield'><a href=\"https:\/\/www.dmsjuridica.com\/buscador_20179478954\/corteconstitucionalcronologico202454587\/su425-16\/\" class=\"_self pt-cv-href-thumbnail pt-cv-thumb-default\" target=\"_self\" ><\/a>\n<div class=\"pt-cv-taxoterm above_title\"><a href='https:\/\/www.dmsjuridica.com\/buscador_20179478954\/corteconstitucionalcronologico202454587\/category\/buscar-en-toda-la-corte\/2016\/sentencias-de-unificacion-2016\/' title='Sentencias de Unificaci\u00f3n 2016' class='pt-cv-tax-sentencias-de-unificacion-2016'>Sentencias de Unificaci\u00f3n 2016<\/a><\/div>\n<h4 class=\"pt-cv-title\"><a href=\"https:\/\/www.dmsjuridica.com\/buscador_20179478954\/corteconstitucionalcronologico202454587\/su425-16\/\" class=\"_self\" target=\"_self\" >SU425-16<\/a><\/h4>\n<div class=\"pt-cv-content\">\u00a0 \u00a0 \u00a0 \u00a0 \u00a0 \u00a0SU425-16 \u00a0 \u00a0 \u00a0 \u00a0 \u00a0 \u00a0\u00a0 Sentencia \u00a0 SU425\/16 \u00a0 \u00a0 ACCION DE TUTELA \u00a0 CONTRA PROVIDENCIAS JUDICIALES-Requisitos generales y especiales de \u00a0 procedibilidad \u00a0 \u00a0 ACCION DE TUTELA \u00a0 CONTRA PROVIDENCIAS JUDICIALES-Concebida como juicio de validez no como \u00a0 juicio de correcci\u00f3n del fallo cuestionado \u00a0 \u00a0 ACCION DE TUTELA \u00a0 CONTRA PROVIDENCIAS JUDICIALES-Improcedencia por cuanto no se incurri\u00f3 \u00a0 en los defectos alegados, en la condena por responsabilidad patrimonial impuesta \u00a0 por el Consejo de Estado a un funcionario judicial llamado en garant\u00eda \u00a0 \u00a0 Referencia: Expediente \u00a0 T-5383748 \u00a0 \u00a0 Acci\u00f3n ...<br \/><div class=\"pt-cv-rmwrap\"><a href=\"https:\/\/www.dmsjuridica.com\/buscador_20179478954\/corteconstitucionalcronologico202454587\/su425-16\/\" class=\"_self pt-cv-readmore btn btn-success\" target=\"_self\">Ver Sentencia Completa...<\/a><\/div><\/div><\/div><\/div>\n<div class=\"col-md-12 col-sm-12 col-xs-12 pt-cv-content-item pt-cv-1-col\" ><div class='pt-cv-ifield'><a href=\"https:\/\/www.dmsjuridica.com\/buscador_20179478954\/corteconstitucionalcronologico202454587\/su424-16\/\" class=\"_self pt-cv-href-thumbnail pt-cv-thumb-default\" target=\"_self\" ><\/a>\n<div class=\"pt-cv-taxoterm above_title\"><a href='https:\/\/www.dmsjuridica.com\/buscador_20179478954\/corteconstitucionalcronologico202454587\/category\/buscar-en-toda-la-corte\/2016\/sentencias-de-unificacion-2016\/' title='Sentencias de Unificaci\u00f3n 2016' class='pt-cv-tax-sentencias-de-unificacion-2016'>Sentencias de Unificaci\u00f3n 2016<\/a><\/div>\n<h4 class=\"pt-cv-title\"><a href=\"https:\/\/www.dmsjuridica.com\/buscador_20179478954\/corteconstitucionalcronologico202454587\/su424-16\/\" class=\"_self\" target=\"_self\" >SU424-16<\/a><\/h4>\n<div class=\"pt-cv-content\">\u00a0 \u00a0 \u00a0 \u00a0 \u00a0 \u00a0SU424-16 \u00a0 \u00a0 \u00a0 \u00a0 \u00a0 \u00a0\u00a0 Sentencia \u00a0 SU424\/16 \u00a0 \u00a0 ACCION DE TUTELA CONTRA PROVIDENCIAS JUDICIALES-Requisitos generales y especiales de procedibilidad \u00a0 \u00a0 PERDIDA DE INVESTIDURA-Marco normativo \u00a0 \u00a0 PERDIDA DE INVESTIDURA-Naturaleza \u00a0 jur\u00eddica \u00a0 \u00a0 PERDIDA DE INVESTIDURA-Car\u00e1cter \u00a0 sancionatorio \u00a0 \u00a0 La p\u00e9rdida de \u00a0 investidura es una acci\u00f3n p\u00fablica de car\u00e1cter sancionatorio prevista en la \u00a0 Constituci\u00f3n y la ley, que tiene como finalidad castigar a los miembros de las \u00a0 corporaciones p\u00fablicas que incurran en conductas consideradas reprochables por \u00a0 ser incompatibles con la dignidad del cargo que ostentan ...<br \/><div class=\"pt-cv-rmwrap\"><a href=\"https:\/\/www.dmsjuridica.com\/buscador_20179478954\/corteconstitucionalcronologico202454587\/su424-16\/\" class=\"_self pt-cv-readmore btn btn-success\" target=\"_self\">Ver Sentencia Completa...<\/a><\/div><\/div><\/div><\/div>\n<div class=\"col-md-12 col-sm-12 col-xs-12 pt-cv-content-item pt-cv-1-col\" ><div class='pt-cv-ifield'><a href=\"https:\/\/www.dmsjuridica.com\/buscador_20179478954\/corteconstitucionalcronologico202454587\/su406-16\/\" class=\"_self pt-cv-href-thumbnail pt-cv-thumb-default\" target=\"_self\" ><\/a>\n<div class=\"pt-cv-taxoterm above_title\"><a href='https:\/\/www.dmsjuridica.com\/buscador_20179478954\/corteconstitucionalcronologico202454587\/category\/buscar-en-toda-la-corte\/2016\/sentencias-de-unificacion-2016\/' title='Sentencias de Unificaci\u00f3n 2016' class='pt-cv-tax-sentencias-de-unificacion-2016'>Sentencias de Unificaci\u00f3n 2016<\/a><\/div>\n<h4 class=\"pt-cv-title\"><a href=\"https:\/\/www.dmsjuridica.com\/buscador_20179478954\/corteconstitucionalcronologico202454587\/su406-16\/\" class=\"_self\" target=\"_self\" >SU406-16<\/a><\/h4>\n<div class=\"pt-cv-content\">\u00a0 \u00a0 \u00a0 \u00a0 \u00a0 \u00a0SU406-16 \u00a0 \u00a0 \u00a0 \u00a0 \u00a0 \u00a0\u00a0 Sentencia SU406\/16 \u00a0 \u00a0 ACCION \u00a0 DE TUTELA CONTRA PROVIDENCIAS JUDICIALES-Requisitos \u00a0 generales y especiales de procedibilidad \u00a0 \u00a0 DEFECTO PROCEDIMENTAL ABSOLUTO-Configuraci\u00f3n \u00a0 \u00a0 Frente a la configuraci\u00f3n del defecto procedimental absoluto, la Corte ha sido \u00a0 enf\u00e1tica en se\u00f1alar que \u00e9ste se estructura \u201ccuando el funcionario judicial se \u00a0 aparta por completo del procedimiento legalmente establecido en el tr\u00e1mite de un \u00a0 asunto espec\u00edfico porque (i) sigue un tr\u00e1mite por completo ajeno al pertinente \u00a0 (desv\u00eda el cauce del asunto), o (ii) pretermite etapas sustanciales del \u00a0 ...<br \/><div class=\"pt-cv-rmwrap\"><a href=\"https:\/\/www.dmsjuridica.com\/buscador_20179478954\/corteconstitucionalcronologico202454587\/su406-16\/\" class=\"_self pt-cv-readmore btn btn-success\" target=\"_self\">Ver Sentencia Completa...<\/a><\/div><\/div><\/div><\/div>\n<div class=\"col-md-12 col-sm-12 col-xs-12 pt-cv-content-item pt-cv-1-col\" ><div class='pt-cv-ifield'><a href=\"https:\/\/www.dmsjuridica.com\/buscador_20179478954\/corteconstitucionalcronologico202454587\/su394-16\/\" class=\"_self pt-cv-href-thumbnail pt-cv-thumb-default\" target=\"_self\" ><\/a>\n<div class=\"pt-cv-taxoterm above_title\"><a href='https:\/\/www.dmsjuridica.com\/buscador_20179478954\/corteconstitucionalcronologico202454587\/category\/buscar-en-toda-la-corte\/2016\/sentencias-de-unificacion-2016\/' title='Sentencias de Unificaci\u00f3n 2016' class='pt-cv-tax-sentencias-de-unificacion-2016'>Sentencias de Unificaci\u00f3n 2016<\/a><\/div>\n<h4 class=\"pt-cv-title\"><a href=\"https:\/\/www.dmsjuridica.com\/buscador_20179478954\/corteconstitucionalcronologico202454587\/su394-16\/\" class=\"_self\" target=\"_self\" >SU394-16<\/a><\/h4>\n<div class=\"pt-cv-content\">\u00a0 \u00a0 \u00a0 \u00a0 \u00a0 \u00a0SU394-16 \u00a0 \u00a0 \u00a0 \u00a0 \u00a0 \u00a0\u00a0 Sentencia SU394\/16 \u00a0 \u00a0 ACCION DE TUTELA \u00a0 CONTRA PROVIDENCIAS JUDICIALES-Reiteraci\u00f3n de jurisprudencia sobre procedencia \u00a0 excepcional \u00a0 \u00a0 ACCION DE TUTELA \u00a0 CONTRA PROVIDENCIAS JUDICIALES-Requisitos generales y especiales de \u00a0 procedibilidad\u00a0 \u00a0 \u00a0 ACCION DE TUTELA \u00a0 CONTRA ACCIONES U OMISIONES JUDICIALES-Procedencia excepcional\u00a0 \u00a0 \u00a0 ACCION DE EXTINCION \u00a0 DE DOMINIO-Regulaci\u00f3n legal \u00a0 \u00a0 DEBIDO PROCESO-Decisiones deben ser \u00a0 en plazo razonable \u00a0 \u00a0 Uno de los rasgos \u00a0 fundamentales para valorar si un proceso ha transcurrido durante un plazo \u00a0 razonable, son las particularidades de los ...<br \/><div class=\"pt-cv-rmwrap\"><a href=\"https:\/\/www.dmsjuridica.com\/buscador_20179478954\/corteconstitucionalcronologico202454587\/su394-16\/\" class=\"_self pt-cv-readmore btn btn-success\" target=\"_self\">Ver Sentencia Completa...<\/a><\/div><\/div><\/div><\/div>\n<div class=\"col-md-12 col-sm-12 col-xs-12 pt-cv-content-item pt-cv-1-col\" ><div class='pt-cv-ifield'><a href=\"https:\/\/www.dmsjuridica.com\/buscador_20179478954\/corteconstitucionalcronologico202454587\/su391-16\/\" class=\"_self pt-cv-href-thumbnail pt-cv-thumb-default\" target=\"_self\" ><\/a>\n<div class=\"pt-cv-taxoterm above_title\"><a href='https:\/\/www.dmsjuridica.com\/buscador_20179478954\/corteconstitucionalcronologico202454587\/category\/buscar-en-toda-la-corte\/2016\/sentencias-de-unificacion-2016\/' title='Sentencias de Unificaci\u00f3n 2016' class='pt-cv-tax-sentencias-de-unificacion-2016'>Sentencias de Unificaci\u00f3n 2016<\/a><\/div>\n<h4 class=\"pt-cv-title\"><a href=\"https:\/\/www.dmsjuridica.com\/buscador_20179478954\/corteconstitucionalcronologico202454587\/su391-16\/\" class=\"_self\" target=\"_self\" >SU391-16<\/a><\/h4>\n<div class=\"pt-cv-content\">\u00a0 \u00a0 \u00a0 \u00a0 \u00a0 \u00a0SU391-16 \u00a0 \u00a0 \u00a0 \u00a0 \u00a0 \u00a0\u00a0 Sentencia SU391\/16 \u00a0 \u00a0 COSA JUZGADA \u00a0 CONSTITUCIONAL-Configuraci\u00f3n \u00a0 \u00a0 En primer lugar, existe identidad de partes entre \u00a0 la acci\u00f3n de tutela promovida en enero de 2013 y la presentada en esta ocasi\u00f3n. \u00a0 En segundo lugar, existe identidad de hechos, por cuanto el sustento f\u00e1ctico \u00a0 para formular la vulneraci\u00f3n del derecho a la igualdad es el mismo en la acci\u00f3n \u00a0 de tutela planteada en enero de 2013 y en la que revisa la Corte en esta \u00a0 ocasi\u00f3n. As\u00ed, en ambos casos la supuesta ...<br \/><div class=\"pt-cv-rmwrap\"><a href=\"https:\/\/www.dmsjuridica.com\/buscador_20179478954\/corteconstitucionalcronologico202454587\/su391-16\/\" class=\"_self pt-cv-readmore btn btn-success\" target=\"_self\">Ver Sentencia Completa...<\/a><\/div><\/div><\/div><\/div>\n<div class=\"col-md-12 col-sm-12 col-xs-12 pt-cv-content-item pt-cv-1-col\" ><div class='pt-cv-ifield'><a href=\"https:\/\/www.dmsjuridica.com\/buscador_20179478954\/corteconstitucionalcronologico202454587\/su288-16\/\" class=\"_self pt-cv-href-thumbnail pt-cv-thumb-default\" target=\"_self\" ><\/a>\n<div class=\"pt-cv-taxoterm above_title\"><a href='https:\/\/www.dmsjuridica.com\/buscador_20179478954\/corteconstitucionalcronologico202454587\/category\/buscar-en-toda-la-corte\/2016\/sentencias-de-unificacion-2016\/' title='Sentencias de Unificaci\u00f3n 2016' class='pt-cv-tax-sentencias-de-unificacion-2016'>Sentencias de Unificaci\u00f3n 2016<\/a><\/div>\n<h4 class=\"pt-cv-title\"><a href=\"https:\/\/www.dmsjuridica.com\/buscador_20179478954\/corteconstitucionalcronologico202454587\/su288-16\/\" class=\"_self\" target=\"_self\" >SU288-16<\/a><\/h4>\n<div class=\"pt-cv-content\">\u00a0 \u00a0 \u00a0 \u00a0 \u00a0 \u00a0SU288-16 \u00a0 \u00a0 \u00a0 \u00a0 \u00a0 \u00a0\u00a0 Sentencia SU288\/16 \u00a0 \u00a0 LEGITIMACION POR ACTIVA EN TUTELA-Formas \u00a0 previstas por ordenamiento jur\u00eddico\/AGENCIA OFICIOSA EN TUTELA-Requisitos \u00a0 \u00a0 La Sala \u00a0 reitera las reglas jurisprudenciales sobre la legitimaci\u00f3n por activa a trav\u00e9s \u00a0 de agencia oficiosa, en las que se establece que tal figura procede cuando: (i) \u00a0 el agente manifiesta o por lo menos se infiere de la tutela que act\u00faa en tal \u00a0 calidad; o (ii) el titular del derecho es una persona en situaci\u00f3n de \u00a0 vulnerabilidad, que por sus condiciones f\u00edsicas o mentales ...<br \/><div class=\"pt-cv-rmwrap\"><a href=\"https:\/\/www.dmsjuridica.com\/buscador_20179478954\/corteconstitucionalcronologico202454587\/su288-16\/\" class=\"_self pt-cv-readmore btn btn-success\" target=\"_self\">Ver Sentencia Completa...<\/a><\/div><\/div><\/div><\/div>\n<div class=\"col-md-12 col-sm-12 col-xs-12 pt-cv-content-item pt-cv-1-col\" ><div class='pt-cv-ifield'><a href=\"https:\/\/www.dmsjuridica.com\/buscador_20179478954\/corteconstitucionalcronologico202454587\/su235-16\/\" class=\"_self pt-cv-href-thumbnail pt-cv-thumb-default\" target=\"_self\" ><\/a>\n<div class=\"pt-cv-taxoterm above_title\"><a href='https:\/\/www.dmsjuridica.com\/buscador_20179478954\/corteconstitucionalcronologico202454587\/category\/buscar-en-toda-la-corte\/2016\/sentencias-de-unificacion-2016\/' title='Sentencias de Unificaci\u00f3n 2016' class='pt-cv-tax-sentencias-de-unificacion-2016'>Sentencias de Unificaci\u00f3n 2016<\/a><\/div>\n<h4 class=\"pt-cv-title\"><a href=\"https:\/\/www.dmsjuridica.com\/buscador_20179478954\/corteconstitucionalcronologico202454587\/su235-16\/\" class=\"_self\" target=\"_self\" >SU235-16<\/a><\/h4>\n<div class=\"pt-cv-content\">\u00a0 \u00a0 \u00a0 \u00a0 \u00a0 \u00a0SU235-16 \u00a0 \u00a0 \u00a0 \u00a0 \u00a0 \u00a0\u00a0 Sentencia SU235\/16 \u00a0 \u00a0 ADJUDICACION DE BALDIOS-Caso en que se reclama la adjudicaci\u00f3n de bienes bald\u00edos de la Naci\u00f3n \u00a0 \u00a0 BALDIOS-Evoluci\u00f3n del r\u00e9gimen \u00a0 legal \u00a0 \u00a0 En algunos per\u00edodos el r\u00e9gimen jur\u00eddico de los \u00a0 bald\u00edos se ha aproximado m\u00e1s al modelo del dominio eminente y de la\u00a0res nullius. \u00a0 Sin embargo, al margen de los cambios en los objetivos pol\u00edticos buscados con el \u00a0 r\u00e9gimen de bald\u00edos en cada momento hist\u00f3rico, desde la conquista el r\u00e9gimen \u00a0 jur\u00eddico ha preservado ininterrumpidamente la propiedad estatal sobre ...<br \/><div class=\"pt-cv-rmwrap\"><a href=\"https:\/\/www.dmsjuridica.com\/buscador_20179478954\/corteconstitucionalcronologico202454587\/su235-16\/\" class=\"_self pt-cv-readmore btn btn-success\" target=\"_self\">Ver Sentencia Completa...<\/a><\/div><\/div><\/div><\/div>\n<div class=\"col-md-12 col-sm-12 col-xs-12 pt-cv-content-item pt-cv-1-col\" ><div class='pt-cv-ifield'><a href=\"https:\/\/www.dmsjuridica.com\/buscador_20179478954\/corteconstitucionalcronologico202454587\/su222-16\/\" class=\"_self pt-cv-href-thumbnail pt-cv-thumb-default\" target=\"_self\" ><\/a>\n<div class=\"pt-cv-taxoterm above_title\"><a href='https:\/\/www.dmsjuridica.com\/buscador_20179478954\/corteconstitucionalcronologico202454587\/category\/buscar-en-toda-la-corte\/2016\/sentencias-de-unificacion-2016\/' title='Sentencias de Unificaci\u00f3n 2016' class='pt-cv-tax-sentencias-de-unificacion-2016'>Sentencias de Unificaci\u00f3n 2016<\/a><\/div>\n<h4 class=\"pt-cv-title\"><a href=\"https:\/\/www.dmsjuridica.com\/buscador_20179478954\/corteconstitucionalcronologico202454587\/su222-16\/\" class=\"_self\" target=\"_self\" >SU222-16<\/a><\/h4>\n<div class=\"pt-cv-content\">\u00a0 \u00a0 \u00a0 \u00a0 \u00a0 \u00a0SU222-16 \u00a0 \u00a0 \u00a0 \u00a0 \u00a0 \u00a0\u00a0 Sentencia SU222\/16 \u00a0 \u00a0 ACCION DE TUTELA \u00a0 CONTRA PROVIDENCIAS JUDICIALES-Caso en que se conden\u00f3 a fiscal seccional al reembolso del 50% de los valores \u00a0 que el Estado pag\u00f3 a ciudadano como producto de un error judicial en la \u00a0 individualizaci\u00f3n y posterior condena penal \u00a0 \u00a0 ACCION DE \u00a0 TUTELA CONTRA PROVIDENCIAS JUDICIALES-Reiteraci\u00f3n de \u00a0 jurisprudencia sobre procedencia excepcional\u00a0 \u00a0 \u00a0 ACCION DE TUTELA \u00a0 CONTRA PROVIDENCIAS JUDICIALES-Requisitos generales y especiales de procedibilidad \u00a0 \u00a0 CARACTERIZACION DEL DEFECTO FACTICO COMO CAUSAL ESPECIFICA DE PROCEDIBILIDAD DE \u00a0 ...<br \/><div class=\"pt-cv-rmwrap\"><a href=\"https:\/\/www.dmsjuridica.com\/buscador_20179478954\/corteconstitucionalcronologico202454587\/su222-16\/\" class=\"_self pt-cv-readmore btn btn-success\" target=\"_self\">Ver Sentencia Completa...<\/a><\/div><\/div><\/div><\/div>\n<div class=\"col-md-12 col-sm-12 col-xs-12 pt-cv-content-item pt-cv-1-col\" ><div class='pt-cv-ifield'><a href=\"https:\/\/www.dmsjuridica.com\/buscador_20179478954\/corteconstitucionalcronologico202454587\/su217-16\/\" class=\"_self pt-cv-href-thumbnail pt-cv-thumb-default\" target=\"_self\" ><\/a>\n<div class=\"pt-cv-taxoterm above_title\"><a href='https:\/\/www.dmsjuridica.com\/buscador_20179478954\/corteconstitucionalcronologico202454587\/category\/buscar-en-toda-la-corte\/2016\/sentencias-de-unificacion-2016\/' title='Sentencias de Unificaci\u00f3n 2016' class='pt-cv-tax-sentencias-de-unificacion-2016'>Sentencias de Unificaci\u00f3n 2016<\/a><\/div>\n<h4 class=\"pt-cv-title\"><a href=\"https:\/\/www.dmsjuridica.com\/buscador_20179478954\/corteconstitucionalcronologico202454587\/su217-16\/\" class=\"_self\" target=\"_self\" >SU217-16<\/a><\/h4>\n<div class=\"pt-cv-content\">\u00a0 \u00a0 \u00a0 \u00a0 \u00a0 \u00a0SU217-16 \u00a0 \u00a0 \u00a0 \u00a0 \u00a0 \u00a0\u00a0 Sentencia SU217\/16 \u00a0 \u00a0 ACCION \u00a0 DE TUTELA CONTRA PROVIDENCIAS JUDICIALES-Requisitos generales y especiales de procedibilidad \u00a0 \u00a0 SEPARACION DEL PRECEDENTE-El \u00a0 funcionario judicial puede apartarse de su propio precedente o del precedente \u00a0 resuelto por el superior jer\u00e1rquico, siempre y cuando explique de manera \u00a0 expresa, amplia y suficiente las razones por las que modifica su posici\u00f3n \u00a0 \u00a0 LLAMAMIENTO A CALIFICAR SERVICIOS A MIEMBROS DE LA FUERZA PUBLICA-Reglas jurisprudenciales vigentes para su \u00a0 aplicaci\u00f3n y control, seg\u00fan sentencia SU091\/16 \u00a0 \u00a0 LLAMAMIENTO A CALIFICAR SERVICIOS A ...<br \/><div class=\"pt-cv-rmwrap\"><a href=\"https:\/\/www.dmsjuridica.com\/buscador_20179478954\/corteconstitucionalcronologico202454587\/su217-16\/\" class=\"_self pt-cv-readmore btn btn-success\" target=\"_self\">Ver Sentencia Completa...<\/a><\/div><\/div><\/div><\/div>\n<div class=\"col-md-12 col-sm-12 col-xs-12 pt-cv-content-item pt-cv-1-col\" ><div class='pt-cv-ifield'><a href=\"https:\/\/www.dmsjuridica.com\/buscador_20179478954\/corteconstitucionalcronologico202454587\/su215-16\/\" class=\"_self pt-cv-href-thumbnail pt-cv-thumb-default\" target=\"_self\" ><\/a>\n<div class=\"pt-cv-taxoterm above_title\"><a href='https:\/\/www.dmsjuridica.com\/buscador_20179478954\/corteconstitucionalcronologico202454587\/category\/buscar-en-toda-la-corte\/2016\/sentencias-de-unificacion-2016\/' title='Sentencias de Unificaci\u00f3n 2016' class='pt-cv-tax-sentencias-de-unificacion-2016'>Sentencias de Unificaci\u00f3n 2016<\/a><\/div>\n<h4 class=\"pt-cv-title\"><a href=\"https:\/\/www.dmsjuridica.com\/buscador_20179478954\/corteconstitucionalcronologico202454587\/su215-16\/\" class=\"_self\" target=\"_self\" >SU215-16<\/a><\/h4>\n<div class=\"pt-cv-content\">\u00a0 \u00a0 \u00a0 \u00a0 \u00a0 \u00a0SU215-16 \u00a0 \u00a0 \u00a0 \u00a0 \u00a0 \u00a0\u00a0 Sentencia SU215\/16 \u00a0 \u00a0 ACCION DE TUTELA CONTRA \u00a0 PROVIDENCIAS JUDICIALES-Requisitos generales y especiales de procedibilidad \u00a0 \u00a0 DERECHO A IMPUGNAR UNA SENTENCIA \u00a0 CONDENATORIA DICTADA POR PRIMERA VEZ EN CASACION, EN EL MARCO DE UN PROCESO \u00a0 PENAL REGULADO POR LA LEY 600\/00-Jurisprudencia constitucional aplicable al \u00a0 caso \u00a0 \u00a0 DERECHO A IMPUGNAR UNA SENTENCIA \u00a0 CONDENATORIA DICTADA POR PRIMERA VEZ EN SEGUNDA INSTANCIA-Delimitaci\u00f3n de \u00a0 los efectos de la sentencia C-792\/14 \u00a0 \u00a0 En la sentencia C-792 de 2014 esta Corte, si bien emiti\u00f3 \u00a0 un ...<br \/><div class=\"pt-cv-rmwrap\"><a href=\"https:\/\/www.dmsjuridica.com\/buscador_20179478954\/corteconstitucionalcronologico202454587\/su215-16\/\" class=\"_self pt-cv-readmore btn btn-success\" target=\"_self\">Ver Sentencia Completa...<\/a><\/div><\/div><\/div><\/div>\n<div class=\"col-md-12 col-sm-12 col-xs-12 pt-cv-content-item pt-cv-1-col\" ><div class='pt-cv-ifield'><a href=\"https:\/\/www.dmsjuridica.com\/buscador_20179478954\/corteconstitucionalcronologico202454587\/su214-16\/\" class=\"_self pt-cv-href-thumbnail pt-cv-thumb-default\" target=\"_self\" ><\/a>\n<div class=\"pt-cv-taxoterm above_title\"><a href='https:\/\/www.dmsjuridica.com\/buscador_20179478954\/corteconstitucionalcronologico202454587\/category\/buscar-en-toda-la-corte\/2016\/sentencias-de-unificacion-2016\/' title='Sentencias de Unificaci\u00f3n 2016' class='pt-cv-tax-sentencias-de-unificacion-2016'>Sentencias de Unificaci\u00f3n 2016<\/a><\/div>\n<h4 class=\"pt-cv-title\"><a href=\"https:\/\/www.dmsjuridica.com\/buscador_20179478954\/corteconstitucionalcronologico202454587\/su214-16\/\" class=\"_self\" target=\"_self\" >SU214-16<\/a><\/h4>\n<div class=\"pt-cv-content\">\u00a0 \u00a0 \u00a0 \u00a0 \u00a0 \u00a0SU214-16 \u00a0 \u00a0 \u00a0 \u00a0 \u00a0 \u00a0\u00a0 Sentencia SU214\/16 \u00a0 \u00a0 CONSTITUCION POLITICA-No \u00a0 excluye la posibilidad de contraer matrimonio por personas del mismo sexo\/ARTICULO \u00a0 42 DE LA CONSTITUCION POLITICA-No puede ser comprendido de forma aislada, \u00a0 sino en perfecta armon\u00eda con los principios de la dignidad humana, la libertad \u00a0 individual y la igualdad en materia de matrimonio por parejas del mismo sexo\/PRINCIPIO \u00a0 DE HERMENEUTICA CONSTITUCIONAL DEL DERECHO-Aplicaci\u00f3n \u00a0 \u00a0 Aunque el \u00a0 Art\u00edculo 42 de la Constituci\u00f3n establece, de manera expresa, que el matrimonio \u00a0 surge del v\u00ednculo entre un hombre ...<br \/><div class=\"pt-cv-rmwrap\"><a href=\"https:\/\/www.dmsjuridica.com\/buscador_20179478954\/corteconstitucionalcronologico202454587\/su214-16\/\" class=\"_self pt-cv-readmore btn btn-success\" target=\"_self\">Ver Sentencia Completa...<\/a><\/div><\/div><\/div><\/div>\n<div class=\"col-md-12 col-sm-12 col-xs-12 pt-cv-content-item pt-cv-1-col\" ><div class='pt-cv-ifield'><a href=\"https:\/\/www.dmsjuridica.com\/buscador_20179478954\/corteconstitucionalcronologico202454587\/su108-16\/\" class=\"_self pt-cv-href-thumbnail pt-cv-thumb-default\" target=\"_self\" ><\/a>\n<div class=\"pt-cv-taxoterm above_title\"><a href='https:\/\/www.dmsjuridica.com\/buscador_20179478954\/corteconstitucionalcronologico202454587\/category\/buscar-en-toda-la-corte\/2016\/sentencias-de-unificacion-2016\/' title='Sentencias de Unificaci\u00f3n 2016' class='pt-cv-tax-sentencias-de-unificacion-2016'>Sentencias de Unificaci\u00f3n 2016<\/a><\/div>\n<h4 class=\"pt-cv-title\"><a href=\"https:\/\/www.dmsjuridica.com\/buscador_20179478954\/corteconstitucionalcronologico202454587\/su108-16\/\" class=\"_self\" target=\"_self\" >SU108-16<\/a><\/h4>\n<div class=\"pt-cv-content\">\u00a0 \u00a0 \u00a0 \u00a0 \u00a0 \u00a0SU108-16 \u00a0 \u00a0 \u00a0 \u00a0 \u00a0 \u00a0\u00a0 Sentencia SU108\/16 \u00a0 \u00a0 LIBERTAD DE CONCIENCIA-Alcance de la protecci\u00f3n\u00a0 \u00a0 \u00a0 \u00a0\u00a0\u00a0\u00a0\u00a0\u00a0\u00a0\u00a0 \u00a0 OBJECION DE CONCIENCIA-Derecho \u00a0 fundamental\u00a0 \u00a0 \u00a0 El reconocimiento a la objeci\u00f3n de conciencia se encuentra \u00a0 intr\u00ednsecamente relacionado con el derecho a la libertad de conciencia y no se \u00a0 constituye en una evasi\u00f3n al ordenamiento jur\u00eddico, sino que por el contrario, \u00a0 toda\u00a0 sociedad democr\u00e1tica debe estar interesada en el respeto de los \u00a0 derechos individuales de cada uno de los ciudadanos. No se trata de hacer \u00a0 prevalecer el inter\u00e9s de ...<br \/><div class=\"pt-cv-rmwrap\"><a href=\"https:\/\/www.dmsjuridica.com\/buscador_20179478954\/corteconstitucionalcronologico202454587\/su108-16\/\" class=\"_self pt-cv-readmore btn btn-success\" target=\"_self\">Ver Sentencia Completa...<\/a><\/div><\/div><\/div><\/div>\n<div class=\"col-md-12 col-sm-12 col-xs-12 pt-cv-content-item pt-cv-1-col\" ><div class='pt-cv-ifield'><a href=\"https:\/\/www.dmsjuridica.com\/buscador_20179478954\/corteconstitucionalcronologico202454587\/su091-16\/\" class=\"_self pt-cv-href-thumbnail pt-cv-thumb-default\" target=\"_self\" ><\/a>\n<div class=\"pt-cv-taxoterm above_title\"><a href='https:\/\/www.dmsjuridica.com\/buscador_20179478954\/corteconstitucionalcronologico202454587\/category\/buscar-en-toda-la-corte\/2016\/sentencias-de-unificacion-2016\/' title='Sentencias de Unificaci\u00f3n 2016' class='pt-cv-tax-sentencias-de-unificacion-2016'>Sentencias de Unificaci\u00f3n 2016<\/a><\/div>\n<h4 class=\"pt-cv-title\"><a href=\"https:\/\/www.dmsjuridica.com\/buscador_20179478954\/corteconstitucionalcronologico202454587\/su091-16\/\" class=\"_self\" target=\"_self\" >SU091-16<\/a><\/h4>\n<div class=\"pt-cv-content\">\u00a0 \u00a0 \u00a0 \u00a0 \u00a0 \u00a0SU091-16 \u00a0 \u00a0 \u00a0 \u00a0 \u00a0 \u00a0\u00a0 Sentencia SU091\/16 \u00a0 \u00a0 ACCION DE TUTELA CONTRA PROVIDENCIAS \u00a0 JUDICIALES-Requisitos \u00a0 generales y especiales de procedibilidad \u00a0 \u00a0 DESCONOCIMIENTO DEL PRECEDENTE \u00a0 CONSTITUCIONAL COMO CAUSAL ESPECIFICA DE PROCEDIBILIDAD DE LA ACCION DE TUTELA \u00a0 CONTRA PROVIDENCIAS JUDICIALES \u00a0 \u00a0 El defecto por desconocimiento del \u00a0 precedente constitucional se predica exclusivamente de los precedentes \u00a0 fijados por la Corte Constitucional en su jurisprudencia. Se presenta, por \u00a0 ejemplo, cuando la Corte establece el alcance de un derecho fundamental o se\u00f1ala \u00a0 la interpretaci\u00f3n de un precepto que m\u00e1s ...<br \/><div class=\"pt-cv-rmwrap\"><a href=\"https:\/\/www.dmsjuridica.com\/buscador_20179478954\/corteconstitucionalcronologico202454587\/su091-16\/\" class=\"_self pt-cv-readmore btn btn-success\" target=\"_self\">Ver Sentencia Completa...<\/a><\/div><\/div><\/div><\/div><\/div><\/div><\/div>\n","protected":false},"excerpt":{"rendered":"","protected":false},"author":1,"featured_media":0,"parent":0,"menu_order":0,"comment_status":"closed","ping_status":"closed","template":"","meta":{"footnotes":""},"class_list":["post-29708","page","type-page","status-publish","hentry"],"_links":{"self":[{"href":"https:\/\/www.dmsjuridica.com\/buscador_20179478954\/corteconstitucionalcronologico202454587\/wp-json\/wp\/v2\/pages\/29708","targetHints":{"allow":["GET"]}}],"collection":[{"href":"https:\/\/www.dmsjuridica.com\/buscador_20179478954\/corteconstitucionalcronologico202454587\/wp-json\/wp\/v2\/pages"}],"about":[{"href":"https:\/\/www.dmsjuridica.com\/buscador_20179478954\/corteconstitucionalcronologico202454587\/wp-json\/wp\/v2\/types\/page"}],"author":[{"embeddable":true,"href":"https:\/\/www.dmsjuridica.com\/buscador_20179478954\/corteconstitucionalcronologico202454587\/wp-json\/wp\/v2\/users\/1"}],"replies":[{"embeddable":true,"href":"https:\/\/www.dmsjuridica.com\/buscador_20179478954\/corteconstitucionalcronologico202454587\/wp-json\/wp\/v2\/comments?post=29708"}],"version-history":[{"count":1,"href":"https:\/\/www.dmsjuridica.com\/buscador_20179478954\/corteconstitucionalcronologico202454587\/wp-json\/wp\/v2\/pages\/29708\/revisions"}],"predecessor-version":[{"id":29709,"href":"https:\/\/www.dmsjuridica.com\/buscador_20179478954\/corteconstitucionalcronologico202454587\/wp-json\/wp\/v2\/pages\/29708\/revisions\/29709"}],"wp:attachment":[{"href":"https:\/\/www.dmsjuridica.com\/buscador_20179478954\/corteconstitucionalcronologico202454587\/wp-json\/wp\/v2\/media?parent=29708"}],"curies":[{"name":"wp","href":"https:\/\/api.w.org\/{rel}","templated":true}]}}