{"id":29722,"date":"2024-07-16T11:48:50","date_gmt":"2024-07-16T16:48:50","guid":{"rendered":"https:\/\/www.dmsjuridica.com\/buscador_20179478954\/corteconstitucionalcronologico202454587\/?page_id=29722"},"modified":"2024-07-16T11:48:50","modified_gmt":"2024-07-16T16:48:50","slug":"su-2023","status":"publish","type":"page","link":"https:\/\/www.dmsjuridica.com\/buscador_20179478954\/corteconstitucionalcronologico202454587\/su-2023\/","title":{"rendered":"SU 2023"},"content":{"rendered":"<div class=\"pt-cv-wrapper\"><div class=\"pt-cv-view pt-cv-grid pt-cv-colsys\" id=\"pt-cv-view-f195398an6\"><div data-id=\"pt-cv-page-1\" class=\"pt-cv-page\" data-cvc=\"1\"><div class=\"col-md-12 col-sm-12 col-xs-12 pt-cv-content-item pt-cv-1-col\" ><div class='pt-cv-ifield'><a href=\"https:\/\/www.dmsjuridica.com\/buscador_20179478954\/corteconstitucionalcronologico202454587\/su546-23\/\" class=\"_self pt-cv-href-thumbnail pt-cv-thumb-default\" target=\"_self\" ><\/a>\n<div class=\"pt-cv-taxoterm above_title\"><a href='https:\/\/www.dmsjuridica.com\/buscador_20179478954\/corteconstitucionalcronologico202454587\/category\/buscar-en-toda-la-corte\/2023\/sentencias-de-unificacion-2023\/' title='Sentencias de Unificaci\u00f3n 2023' class='pt-cv-tax-sentencias-de-unificacion-2023'>Sentencias de Unificaci\u00f3n 2023<\/a><\/div>\n<h4 class=\"pt-cv-title\"><a href=\"https:\/\/www.dmsjuridica.com\/buscador_20179478954\/corteconstitucionalcronologico202454587\/su546-23\/\" class=\"_self\" target=\"_self\" >SU546-23<\/a><\/h4>\n<div class=\"pt-cv-content\">\u00a0 \u00a0 NOTA DE RELATOR\u00cdA:\u00a0Mediante Auto 845 de 9 de mayo de 2024, el cual se anexa en la parte final, la Sala Plena corrigi\u00f3 de oficio el numeral segundo de la parte resolutiva de la presente providencia, en el sentido de indicar que el despacho de primera instancia en el proceso T-8.018.193 es el Juzgado 45 Civil del Circuito de Bogot\u00e1 y no el 54, como erradamente se registr\u00f3. \u00a0 \u00a0\u00a0 \u00a0\u00a0 REP\u00daBLICA DE COLOMBIA \u00a0 \u00a0 CORTE CONSTITUCIONAL \u00a0 \u00a0\u00a0 SENTENCIA SU-546 de 2023 \u00a0 \u00a0\u00a0 Ref: Expedientes T-8.018.193, T-8.136.698, T-8.062.595, T-8.091.278, T-8.242.042, T-8.266.696, T-8.270.692, T-8.365.345, T-8.473.048, T-8.682.067 ...<br \/><div class=\"pt-cv-rmwrap\"><a href=\"https:\/\/www.dmsjuridica.com\/buscador_20179478954\/corteconstitucionalcronologico202454587\/su546-23\/\" class=\"_self pt-cv-readmore btn btn-success\" target=\"_self\">Ver Sentencia Completa...<\/a><\/div><\/div><\/div><\/div>\n<div class=\"col-md-12 col-sm-12 col-xs-12 pt-cv-content-item pt-cv-1-col\" ><div class='pt-cv-ifield'><a href=\"https:\/\/www.dmsjuridica.com\/buscador_20179478954\/corteconstitucionalcronologico202454587\/su545-23\/\" class=\"_self pt-cv-href-thumbnail pt-cv-thumb-default\" target=\"_self\" ><\/a>\n<div class=\"pt-cv-taxoterm above_title\"><a href='https:\/\/www.dmsjuridica.com\/buscador_20179478954\/corteconstitucionalcronologico202454587\/category\/buscar-en-toda-la-corte\/2023\/sentencias-de-unificacion-2023\/' title='Sentencias de Unificaci\u00f3n 2023' class='pt-cv-tax-sentencias-de-unificacion-2023'>Sentencias de Unificaci\u00f3n 2023<\/a><\/div>\n<h4 class=\"pt-cv-title\"><a href=\"https:\/\/www.dmsjuridica.com\/buscador_20179478954\/corteconstitucionalcronologico202454587\/su545-23\/\" class=\"_self\" target=\"_self\" >SU545-23<\/a><\/h4>\n<div class=\"pt-cv-content\">Expedientes T-7.963.865, T-8.020.865, T-8.097.843 y T-8.355.272 (AC) \u00a0 \u00a0 \u00a0 \u00a0 \u00a0 \u00a0 \u00a0 \u00a0 \u00a0 \u00a0 TEMAS-SUBTEMAS Sentencia SU-545\/23 PROGRAMA NACIONAL INTEGRAL DE SUSTITUCION DE CULTIVOS DE USO ILICITO-Suspensi\u00f3n de operativos de erradicaci\u00f3n forzada en virtud del car\u00e1cter vinculante de los acuerdos colectivos suscritos entre el Gobierno Nacional y la poblaci\u00f3n campesina (...) los acuerdos colectivos suscritos contienen no solo los compromisos que adquieren las comunidades que manifiestan su voluntad de pertenecer al programa de sustituci\u00f3n sino tambi\u00e9n se contemplan las obligaciones a cargo del Gobierno Nacional que inician con la formalizaci\u00f3n de estas manifestaciones de voluntad y poner ...<br \/><div class=\"pt-cv-rmwrap\"><a href=\"https:\/\/www.dmsjuridica.com\/buscador_20179478954\/corteconstitucionalcronologico202454587\/su545-23\/\" class=\"_self pt-cv-readmore btn btn-success\" target=\"_self\">Ver Sentencia Completa...<\/a><\/div><\/div><\/div><\/div>\n<div class=\"col-md-12 col-sm-12 col-xs-12 pt-cv-content-item pt-cv-1-col\" ><div class='pt-cv-ifield'><a href=\"https:\/\/www.dmsjuridica.com\/buscador_20179478954\/corteconstitucionalcronologico202454587\/su543-23\/\" class=\"_self pt-cv-href-thumbnail pt-cv-thumb-default\" target=\"_self\" ><\/a>\n<div class=\"pt-cv-taxoterm above_title\"><a href='https:\/\/www.dmsjuridica.com\/buscador_20179478954\/corteconstitucionalcronologico202454587\/category\/buscar-en-toda-la-corte\/2023\/sentencias-de-unificacion-2023\/' title='Sentencias de Unificaci\u00f3n 2023' class='pt-cv-tax-sentencias-de-unificacion-2023'>Sentencias de Unificaci\u00f3n 2023<\/a><\/div>\n<h4 class=\"pt-cv-title\"><a href=\"https:\/\/www.dmsjuridica.com\/buscador_20179478954\/corteconstitucionalcronologico202454587\/su543-23\/\" class=\"_self\" target=\"_self\" >SU543-23<\/a><\/h4>\n<div class=\"pt-cv-content\">\u00a0 \u00a0 \u00a0\u00a0 \u00a0\u00a0 \u00a0\u00a0 DERECHO DE PETICI\u00d3N Y DEBIDO PROCESO ADMINISTRATIVO EN EL TR\u00c1MITE DE SOLICITUDES DE REFUGIO-Priorizaci\u00f3n y excepciones al sistema de turnos \u00a0 \u00a0\u00a0 (\u2026) la conducta del Ministerio de Relaciones Exteriores incidi\u00f3 negativamente en la tramitaci\u00f3n c\u00e9lere y oportuna de la solicitud de la accionante \u2026, porque (i) tard\u00f3 m\u00e1s de dos meses en responder \u2026 si se permitir\u00eda llevar a cabo la audiencia de forma virtual (\u2026), (ii) las medidas que ha adoptado para atender la saturaci\u00f3n y congesti\u00f3n en el tr\u00e1mite de las solicitudes han sido insuficientes y no tienen ninguna consideraci\u00f3n por los ...<br \/><div class=\"pt-cv-rmwrap\"><a href=\"https:\/\/www.dmsjuridica.com\/buscador_20179478954\/corteconstitucionalcronologico202454587\/su543-23\/\" class=\"_self pt-cv-readmore btn btn-success\" target=\"_self\">Ver Sentencia Completa...<\/a><\/div><\/div><\/div><\/div>\n<div class=\"col-md-12 col-sm-12 col-xs-12 pt-cv-content-item pt-cv-1-col\" ><div class='pt-cv-ifield'><a href=\"https:\/\/www.dmsjuridica.com\/buscador_20179478954\/corteconstitucionalcronologico202454587\/su475-23\/\" class=\"_self pt-cv-href-thumbnail pt-cv-thumb-default\" target=\"_self\" ><\/a>\n<div class=\"pt-cv-taxoterm above_title\"><a href='https:\/\/www.dmsjuridica.com\/buscador_20179478954\/corteconstitucionalcronologico202454587\/category\/buscar-en-toda-la-corte\/2023\/sentencias-de-unificacion-2023\/' title='Sentencias de Unificaci\u00f3n 2023' class='pt-cv-tax-sentencias-de-unificacion-2023'>Sentencias de Unificaci\u00f3n 2023<\/a><\/div>\n<h4 class=\"pt-cv-title\"><a href=\"https:\/\/www.dmsjuridica.com\/buscador_20179478954\/corteconstitucionalcronologico202454587\/su475-23\/\" class=\"_self\" target=\"_self\" >SU475-23<\/a><\/h4>\n<div class=\"pt-cv-content\">TEMAS-SUBTEMAS Sentencia SU-475\/23 DERECHO A LA EDUCACION INCLUSIVA DE NI\u00d1OS, NI\u00d1AS Y ADOLESCENTES EN SITUACION DE DISCAPACIDAD-Asignaci\u00f3n de docente de apoyo personalizado a estudiante con diagn\u00f3stico de trastorno del espectro autista TEA (...) los docentes de apoyo pedag\u00f3gico personalizado en el aula son ajustes razonables que buscan garantizar el derecho a la educaci\u00f3n inclusiva de los alumnos con discapacidad (...) estos apoyos constituyen un servicio o prestaci\u00f3n de educaci\u00f3n, dado que, en principio, tienen como finalidad atender una necesidad educativa propia del proceso de educaci\u00f3n inclusiva. DERECHO A LA SALUD DE NI\u00d1OS, NI\u00d1AS Y ADOLESCENTES EN SITUACION DE DISCAPACIDAD-Asignaci\u00f3n de ...<br \/><div class=\"pt-cv-rmwrap\"><a href=\"https:\/\/www.dmsjuridica.com\/buscador_20179478954\/corteconstitucionalcronologico202454587\/su475-23\/\" class=\"_self pt-cv-readmore btn btn-success\" target=\"_self\">Ver Sentencia Completa...<\/a><\/div><\/div><\/div><\/div>\n<div class=\"col-md-12 col-sm-12 col-xs-12 pt-cv-content-item pt-cv-1-col\" ><div class='pt-cv-ifield'><a href=\"https:\/\/www.dmsjuridica.com\/buscador_20179478954\/corteconstitucionalcronologico202454587\/su471-23\/\" class=\"_self pt-cv-href-thumbnail pt-cv-thumb-default\" target=\"_self\" ><\/a>\n<div class=\"pt-cv-taxoterm above_title\"><a href='https:\/\/www.dmsjuridica.com\/buscador_20179478954\/corteconstitucionalcronologico202454587\/category\/buscar-en-toda-la-corte\/2023\/sentencias-de-unificacion-2023\/' title='Sentencias de Unificaci\u00f3n 2023' class='pt-cv-tax-sentencias-de-unificacion-2023'>Sentencias de Unificaci\u00f3n 2023<\/a><\/div>\n<h4 class=\"pt-cv-title\"><a href=\"https:\/\/www.dmsjuridica.com\/buscador_20179478954\/corteconstitucionalcronologico202454587\/su471-23\/\" class=\"_self\" target=\"_self\" >SU471-23<\/a><\/h4>\n<div class=\"pt-cv-content\">Expediente T-8.716.289 M.P. Diana Fajardo Rivera PENSION DE SOBREVIVIENTES-Alcance del requisito de dependencia econ\u00f3mica que deben acreditar los padres frente al fallecimiento de un hijo\/ACCION DE TUTELA CONTRA PROVIDENCIAS JUDICIALES-Procedencia por defecto f\u00e1ctico, cuando el juicio de valoraci\u00f3n de una prueba se hace de manera irrazonable o indebida valoraci\u00f3n probatoria en pensi\u00f3n de sobrevivientes ACCION DE TUTELA CONTRA PROVIDENCIAS JUDICIALES-Procedencia por desconocimiento de precedente en reconocimiento de pensi\u00f3n de sobrevivientes La sentencia proferida por la (autoridad judicial accionada) incurri\u00f3 en defecto por desconocimiento del precedente\u2026 [i] En relaci\u00f3n con lo se\u00f1alado por la sentencia C-111 de 2006 el juez de ...<br \/><div class=\"pt-cv-rmwrap\"><a href=\"https:\/\/www.dmsjuridica.com\/buscador_20179478954\/corteconstitucionalcronologico202454587\/su471-23\/\" class=\"_self pt-cv-readmore btn btn-success\" target=\"_self\">Ver Sentencia Completa...<\/a><\/div><\/div><\/div><\/div>\n<div class=\"col-md-12 col-sm-12 col-xs-12 pt-cv-content-item pt-cv-1-col\" ><div class='pt-cv-ifield'><a href=\"https:\/\/www.dmsjuridica.com\/buscador_20179478954\/corteconstitucionalcronologico202454587\/su444-23\/\" class=\"_self pt-cv-href-thumbnail pt-cv-thumb-default\" target=\"_self\" ><\/a>\n<div class=\"pt-cv-taxoterm above_title\"><a href='https:\/\/www.dmsjuridica.com\/buscador_20179478954\/corteconstitucionalcronologico202454587\/category\/buscar-en-toda-la-corte\/2023\/sentencias-de-unificacion-2023\/' title='Sentencias de Unificaci\u00f3n 2023' class='pt-cv-tax-sentencias-de-unificacion-2023'>Sentencias de Unificaci\u00f3n 2023<\/a><\/div>\n<h4 class=\"pt-cv-title\"><a href=\"https:\/\/www.dmsjuridica.com\/buscador_20179478954\/corteconstitucionalcronologico202454587\/su444-23\/\" class=\"_self\" target=\"_self\" >SU444-23<\/a><\/h4>\n<div class=\"pt-cv-content\">\u00a0 \u00a0 ACCI\u00d3N DE TUTELA CONTRA PROVIDENCIAS JUDICIALES EN ASUNTO PENSIONAL-Concede amparo por violaci\u00f3n directa de la Constituci\u00f3n y desconocimiento del precedente constitucional \u00a0 \u00a0\u00a0 (\u2026) no se puede negar el reconocimiento de la pensi\u00f3n de sobrevivientes o la sustituci\u00f3n pensional luego de la vigencia de la Constituci\u00f3n Pol\u00edtica, con base en criterios discriminatorios que, aun cuando se deriven de una norma legal vigente al momento de la causaci\u00f3n del derecho pensional, desconozcan el mandato derivado del art\u00edculo 42 Superior el cual equipara el trato que deber\u00e1 recibir la familia sin importar que esta hubiese sido constituida por v\u00ednculos jur\u00eddicos ...<br \/><div class=\"pt-cv-rmwrap\"><a href=\"https:\/\/www.dmsjuridica.com\/buscador_20179478954\/corteconstitucionalcronologico202454587\/su444-23\/\" class=\"_self pt-cv-readmore btn btn-success\" target=\"_self\">Ver Sentencia Completa...<\/a><\/div><\/div><\/div><\/div>\n<div class=\"col-md-12 col-sm-12 col-xs-12 pt-cv-content-item pt-cv-1-col\" ><div class='pt-cv-ifield'><a href=\"https:\/\/www.dmsjuridica.com\/buscador_20179478954\/corteconstitucionalcronologico202454587\/su429-23\/\" class=\"_self pt-cv-href-thumbnail pt-cv-thumb-default\" target=\"_self\" ><\/a>\n<div class=\"pt-cv-taxoterm above_title\"><a href='https:\/\/www.dmsjuridica.com\/buscador_20179478954\/corteconstitucionalcronologico202454587\/category\/buscar-en-toda-la-corte\/2023\/sentencias-de-unificacion-2023\/' title='Sentencias de Unificaci\u00f3n 2023' class='pt-cv-tax-sentencias-de-unificacion-2023'>Sentencias de Unificaci\u00f3n 2023<\/a><\/div>\n<h4 class=\"pt-cv-title\"><a href=\"https:\/\/www.dmsjuridica.com\/buscador_20179478954\/corteconstitucionalcronologico202454587\/su429-23\/\" class=\"_self\" target=\"_self\" >SU429-23<\/a><\/h4>\n<div class=\"pt-cv-content\">\u00a0 \u00a0 MEDIDA DE ASEGURAMIENTO PRIVATIVA DE LA LIBERTAD EN JUSTICIA Y PAZ-Aplicaci\u00f3n de la excepci\u00f3n de inconstitucionalidad \u00a0 \u00a0\u00a0 (\u2026) los despachos accionados, al haberse negado a aplicar la excepci\u00f3n de inconstitucionalidad al art\u00edculo 37 del Decreto 3011 de 2013, incumplieron dicho deber y, por lo tanto, incurrieron en un defecto sustantivo y en la violaci\u00f3n directa de la Constituci\u00f3n; por ende, se acreditan causales espec\u00edficas de procedencia de la acci\u00f3n de tutela contra providencia judicial y, de paso, exige la tutela del derecho al debido proceso. \u00a0 ACCION DE TUTELA CONTRA PROVIDENCIAS JUDICIALES-Requisitos generales y especiales de procedibilidad ...<br \/><div class=\"pt-cv-rmwrap\"><a href=\"https:\/\/www.dmsjuridica.com\/buscador_20179478954\/corteconstitucionalcronologico202454587\/su429-23\/\" class=\"_self pt-cv-readmore btn btn-success\" target=\"_self\">Ver Sentencia Completa...<\/a><\/div><\/div><\/div><\/div>\n<div class=\"col-md-12 col-sm-12 col-xs-12 pt-cv-content-item pt-cv-1-col\" ><div class='pt-cv-ifield'><a href=\"https:\/\/www.dmsjuridica.com\/buscador_20179478954\/corteconstitucionalcronologico202454587\/su428-23\/\" class=\"_self pt-cv-href-thumbnail pt-cv-thumb-default\" target=\"_self\" ><\/a>\n<div class=\"pt-cv-taxoterm above_title\"><a href='https:\/\/www.dmsjuridica.com\/buscador_20179478954\/corteconstitucionalcronologico202454587\/category\/buscar-en-toda-la-corte\/2023\/sentencias-de-unificacion-2023\/' title='Sentencias de Unificaci\u00f3n 2023' class='pt-cv-tax-sentencias-de-unificacion-2023'>Sentencias de Unificaci\u00f3n 2023<\/a><\/div>\n<h4 class=\"pt-cv-title\"><a href=\"https:\/\/www.dmsjuridica.com\/buscador_20179478954\/corteconstitucionalcronologico202454587\/su428-23\/\" class=\"_self\" target=\"_self\" >SU428-23<\/a><\/h4>\n<div class=\"pt-cv-content\">TEMAS-SUBTEMAS Sentencia SU-428\/23 ACCI\u00d3N DE TUTELA CONTRA PROVIDENCIAS JUDICIALES EN PROCESO DE ESTABILIDAD LABORAL REFORZADA POR RAZONES DE SALUD-Desconocimiento del precedente constitucional, defecto sustantivo y violaci\u00f3n directa de la Constituci\u00f3n (...) la autoridad judicial accionada (...), (i) aplic\u00f3 de manera autom\u00e1tica e irrestricta el criterio porcentual del 15 % de p\u00e9rdida de capacidad laboral para determinar la titularidad de la protecci\u00f3n, (ii) no cumpli\u00f3 con las cargas de transparencia y suficiencia requeridas para apartarse del precedente de la Corte Constitucional (...), (iii) desconoci\u00f3 el alcance ... fijado en relaci\u00f3n con el art\u00edculo 26 de la Ley 361 de 1997 y, ...<br \/><div class=\"pt-cv-rmwrap\"><a href=\"https:\/\/www.dmsjuridica.com\/buscador_20179478954\/corteconstitucionalcronologico202454587\/su428-23\/\" class=\"_self pt-cv-readmore btn btn-success\" target=\"_self\">Ver Sentencia Completa...<\/a><\/div><\/div><\/div><\/div>\n<div class=\"col-md-12 col-sm-12 col-xs-12 pt-cv-content-item pt-cv-1-col\" ><div class='pt-cv-ifield'><a href=\"https:\/\/www.dmsjuridica.com\/buscador_20179478954\/corteconstitucionalcronologico202454587\/su388-23\/\" class=\"_self pt-cv-href-thumbnail pt-cv-thumb-default\" target=\"_self\" ><\/a>\n<div class=\"pt-cv-taxoterm above_title\"><a href='https:\/\/www.dmsjuridica.com\/buscador_20179478954\/corteconstitucionalcronologico202454587\/category\/buscar-en-toda-la-corte\/2023\/sentencias-de-unificacion-2023\/' title='Sentencias de Unificaci\u00f3n 2023' class='pt-cv-tax-sentencias-de-unificacion-2023'>Sentencias de Unificaci\u00f3n 2023<\/a><\/div>\n<h4 class=\"pt-cv-title\"><a href=\"https:\/\/www.dmsjuridica.com\/buscador_20179478954\/corteconstitucionalcronologico202454587\/su388-23\/\" class=\"_self\" target=\"_self\" >SU388-23<\/a><\/h4>\n<div class=\"pt-cv-content\">\u00a0 \u00a0 ACCI\u00d3N DE TUTELA CONTRA SENTENCIAS INTERPRETATIVAS DE LA SECCI\u00d3N DE APELACI\u00d3N DEL TRIBUNAL PARA LA PAZ DE LA JEP-Improcedencia \u00a0 \u00a0\u00a0 Habi\u00e9ndose identificado que la providencia cuestionada es de car\u00e1cter general, impersonal y abstracto, encuentra la Corte que contra ella no procede la acci\u00f3n de tutela, en tanto \u00e9sta no se encuentra prevista para cuestionar este tipo de actos. \u00a0 \u00a0 \u00a0 CARENCIA ACTUAL DE OBJETO-Reiteraci\u00f3n de jurisprudencia\/ACCION DE TUTELA-No se configura carencia actual de objeto por permanencia de los hechos \u00a0 \u00a0\u00a0 ACCION DE TUTELA CONTRA PROVIDENCIAS JUDICIALES DE LA JURISDICCION ESPECIAL PARA LA PAZ-Aspectos particulares objeto ...<br \/><div class=\"pt-cv-rmwrap\"><a href=\"https:\/\/www.dmsjuridica.com\/buscador_20179478954\/corteconstitucionalcronologico202454587\/su388-23\/\" class=\"_self pt-cv-readmore btn btn-success\" target=\"_self\">Ver Sentencia Completa...<\/a><\/div><\/div><\/div><\/div>\n<div class=\"col-md-12 col-sm-12 col-xs-12 pt-cv-content-item pt-cv-1-col\" ><div class='pt-cv-ifield'><a href=\"https:\/\/www.dmsjuridica.com\/buscador_20179478954\/corteconstitucionalcronologico202454587\/su386-23\/\" class=\"_self pt-cv-href-thumbnail pt-cv-thumb-default\" target=\"_self\" ><\/a>\n<div class=\"pt-cv-taxoterm above_title\"><a href='https:\/\/www.dmsjuridica.com\/buscador_20179478954\/corteconstitucionalcronologico202454587\/category\/buscar-en-toda-la-corte\/2023\/sentencias-de-unificacion-2023\/' title='Sentencias de Unificaci\u00f3n 2023' class='pt-cv-tax-sentencias-de-unificacion-2023'>Sentencias de Unificaci\u00f3n 2023<\/a><\/div>\n<h4 class=\"pt-cv-title\"><a href=\"https:\/\/www.dmsjuridica.com\/buscador_20179478954\/corteconstitucionalcronologico202454587\/su386-23\/\" class=\"_self\" target=\"_self\" >SU386-23<\/a><\/h4>\n<div class=\"pt-cv-content\">\u00a0 \u00a0 \u00a0\u00a0 \u00a0\u00a0 \u00a0\u00a0 ACCION DE CUMPLIMIENTO-Poder discrecional del juez para juzgar el incumplimiento\/ACCION DE TUTELA CONTRA PROVIDENCIAS JUDICIALES-Procedencia por defecto sustantivo y defecto f\u00e1ctico \u00a0 \u00a0\u00a0 \u00a0\u00a0 ACCION DE TUTELA CONTRA PROVIDENCIAS JUDICIALES-Reiteraci\u00f3n de jurisprudencia sobre procedencia excepcional \u00a0 \u00a0\u00a0 ACCION DE TUTELA CONTRA PROVIDENCIAS JUDICIALES-Relevancia constitucional como requisito de procedibilidad \u00a0 \u00a0\u00a0 ACTIVIDAD DEPORTIVA Y RECREATIVA-Intervenci\u00f3n del Estado\/ESTADO-Funciones de inspecci\u00f3n, vigilancia y control \u00a0 \u00a0\u00a0 La funci\u00f3n de inspecci\u00f3n, control y vigilancia, por su parte, en cuanto se ejerce sobre organizaciones deportivas y recreativas que constituyen expresiones del derecho de libre asociaci\u00f3n, tiene por objeto asegurar no ...<br \/><div class=\"pt-cv-rmwrap\"><a href=\"https:\/\/www.dmsjuridica.com\/buscador_20179478954\/corteconstitucionalcronologico202454587\/su386-23\/\" class=\"_self pt-cv-readmore btn btn-success\" target=\"_self\">Ver Sentencia Completa...<\/a><\/div><\/div><\/div><\/div>\n<div class=\"col-md-12 col-sm-12 col-xs-12 pt-cv-content-item pt-cv-1-col\" ><div class='pt-cv-ifield'><a href=\"https:\/\/www.dmsjuridica.com\/buscador_20179478954\/corteconstitucionalcronologico202454587\/su347-23\/\" class=\"_self pt-cv-href-thumbnail pt-cv-thumb-default\" target=\"_self\" ><\/a>\n<div class=\"pt-cv-taxoterm above_title\"><a href='https:\/\/www.dmsjuridica.com\/buscador_20179478954\/corteconstitucionalcronologico202454587\/category\/buscar-en-toda-la-corte\/2023\/sentencias-de-unificacion-2023\/' title='Sentencias de Unificaci\u00f3n 2023' class='pt-cv-tax-sentencias-de-unificacion-2023'>Sentencias de Unificaci\u00f3n 2023<\/a><\/div>\n<h4 class=\"pt-cv-title\"><a href=\"https:\/\/www.dmsjuridica.com\/buscador_20179478954\/corteconstitucionalcronologico202454587\/su347-23\/\" class=\"_self\" target=\"_self\" >SU347-23<\/a><\/h4>\n<div class=\"pt-cv-content\">\u00a0 \u00a0 DERECHO A LA OPOSICION POLITICA-Alcance\/ASIGNACION DE PARTIDAS PARA EL EJERCICIO DE LA OPOSICION-Creaci\u00f3n y regulaci\u00f3n responde a un objetivo constitucionalmente leg\u00edtimo \u00a0 \u00a0\u00a0 En relaci\u00f3n con la garant\u00eda de acceso a espacios adicionales en medios de comunicaci\u00f3n del Estado y que hacen uso del espectro electromagn\u00e9tico, es importante destacar que existe un \u00abt\u00edtulo de gasto complejo\u00bb que hace inadmisible las actitudes pasivas o dilatorias \u2026 (Las accionadas) tienen el deber de adelantar las gestiones presupuestales y administrativas, en el marco de sus competencias, para contribuir al cumplimiento de la garant\u00eda reconocida por el art\u00edculo 112 constitucional y desarrollada ...<br \/><div class=\"pt-cv-rmwrap\"><a href=\"https:\/\/www.dmsjuridica.com\/buscador_20179478954\/corteconstitucionalcronologico202454587\/su347-23\/\" class=\"_self pt-cv-readmore btn btn-success\" target=\"_self\">Ver Sentencia Completa...<\/a><\/div><\/div><\/div><\/div>\n<div class=\"col-md-12 col-sm-12 col-xs-12 pt-cv-content-item pt-cv-1-col\" ><div class='pt-cv-ifield'><a href=\"https:\/\/www.dmsjuridica.com\/buscador_20179478954\/corteconstitucionalcronologico202454587\/su335-23\/\" class=\"_self pt-cv-href-thumbnail pt-cv-thumb-default\" target=\"_self\" ><\/a>\n<div class=\"pt-cv-taxoterm above_title\"><a href='https:\/\/www.dmsjuridica.com\/buscador_20179478954\/corteconstitucionalcronologico202454587\/category\/buscar-en-toda-la-corte\/2023\/sentencias-de-unificacion-2023\/' title='Sentencias de Unificaci\u00f3n 2023' class='pt-cv-tax-sentencias-de-unificacion-2023'>Sentencias de Unificaci\u00f3n 2023<\/a><\/div>\n<h4 class=\"pt-cv-title\"><a href=\"https:\/\/www.dmsjuridica.com\/buscador_20179478954\/corteconstitucionalcronologico202454587\/su335-23\/\" class=\"_self\" target=\"_self\" >SU335-23<\/a><\/h4>\n<div class=\"pt-cv-content\">TEMAS-SUBTEMAS Sentencia SU-335\/23 ACCION DE TUTELA CONTRA PROVIDENCIAS JUDICIALES-Improcedencia por cuanto no se configura ninguno de los defectos ni causales se\u00f1aladas (i) el medio de control de controversias contractuales previsto en el art\u00edculo 141 del CPACA s\u00ed era aplicable al caso a partir de la interpretaci\u00f3n razonable de la demanda que hizo la accionada; (ii) las sentencias del Consejo de Estado que la actora invoc\u00f3 como desconocidas, no constituyen un precedente judicial aplicable al caso; (iii) la decisi\u00f3n judicial que se cuestiona en tutela fue debidamente motivada; y, (iv) la accionante no tan solo desaprovech\u00f3 acciones relevantes, sino que cuenta ...<br \/><div class=\"pt-cv-rmwrap\"><a href=\"https:\/\/www.dmsjuridica.com\/buscador_20179478954\/corteconstitucionalcronologico202454587\/su335-23\/\" class=\"_self pt-cv-readmore btn btn-success\" target=\"_self\">Ver Sentencia Completa...<\/a><\/div><\/div><\/div><\/div>\n<div class=\"col-md-12 col-sm-12 col-xs-12 pt-cv-content-item pt-cv-1-col\" ><div class='pt-cv-ifield'><a href=\"https:\/\/www.dmsjuridica.com\/buscador_20179478954\/corteconstitucionalcronologico202454587\/su317-23\/\" class=\"_self pt-cv-href-thumbnail pt-cv-thumb-default\" target=\"_self\" ><\/a>\n<div class=\"pt-cv-taxoterm above_title\"><a href='https:\/\/www.dmsjuridica.com\/buscador_20179478954\/corteconstitucionalcronologico202454587\/category\/buscar-en-toda-la-corte\/2023\/sentencias-de-unificacion-2023\/' title='Sentencias de Unificaci\u00f3n 2023' class='pt-cv-tax-sentencias-de-unificacion-2023'>Sentencias de Unificaci\u00f3n 2023<\/a><\/div>\n<h4 class=\"pt-cv-title\"><a href=\"https:\/\/www.dmsjuridica.com\/buscador_20179478954\/corteconstitucionalcronologico202454587\/su317-23\/\" class=\"_self\" target=\"_self\" >SU317-23<\/a><\/h4>\n<div class=\"pt-cv-content\">\u00a0 \u00a0 ACCION DE TUTELA CONTRA PROVIDENCIAS JUDICIALES-Improcedencia por cuanto no se configuraron los defectos alegados, ni hubo vulneraci\u00f3n de principio de la doble conformidad\u00a0 \u00a0 \u00a0\u00a0 ACCION DE TUTELA CONTRA PROVIDENCIAS JUDICIALES DE ALTAS CORPORACIONES-Requisitos generales y especiales de procedibilidad son m\u00e1s estrictos \u00a0 \u00a0\u00a0 ACCI\u00d3N DE TUTELA CONTRA PROVIDENCIAS JUDICIALES EN PROCESO PENAL-Improcedencia con relaci\u00f3n a la violaci\u00f3n del principio de congruencia y derecho a la defensa, por cuanto ello implica reabrir el debate legal concluido \u00a0 \u00a0\u00a0 ACCION DE TUTELA CONTRA PROVIDENCIAS JUDICIALES-Relevancia constitucional como requisito de procedibilidad \u00a0 \u00a0\u00a0 RECURSO EXTRAORDINARIO DE CASACION-Naturaleza jur\u00eddica y funci\u00f3n\/RECURSO ...<br \/><div class=\"pt-cv-rmwrap\"><a href=\"https:\/\/www.dmsjuridica.com\/buscador_20179478954\/corteconstitucionalcronologico202454587\/su317-23\/\" class=\"_self pt-cv-readmore btn btn-success\" target=\"_self\">Ver Sentencia Completa...<\/a><\/div><\/div><\/div><\/div>\n<div class=\"col-md-12 col-sm-12 col-xs-12 pt-cv-content-item pt-cv-1-col\" ><div class='pt-cv-ifield'><a href=\"https:\/\/www.dmsjuridica.com\/buscador_20179478954\/corteconstitucionalcronologico202454587\/su316-23\/\" class=\"_self pt-cv-href-thumbnail pt-cv-thumb-default\" target=\"_self\" ><\/a>\n<div class=\"pt-cv-taxoterm above_title\"><a href='https:\/\/www.dmsjuridica.com\/buscador_20179478954\/corteconstitucionalcronologico202454587\/category\/buscar-en-toda-la-corte\/2023\/sentencias-de-unificacion-2023\/' title='Sentencias de Unificaci\u00f3n 2023' class='pt-cv-tax-sentencias-de-unificacion-2023'>Sentencias de Unificaci\u00f3n 2023<\/a><\/div>\n<h4 class=\"pt-cv-title\"><a href=\"https:\/\/www.dmsjuridica.com\/buscador_20179478954\/corteconstitucionalcronologico202454587\/su316-23\/\" class=\"_self\" target=\"_self\" >SU316-23<\/a><\/h4>\n<div class=\"pt-cv-content\">TEMAS-SUBTEMAS Sentencia SU-316\/23 ACCI\u00d3N DE TUTELA CONTRA PROVIDENCIAS JUDICIALES EN MEDIO DE CONTROL REPARACI\u00d3N DIRECTA-Vulneraci\u00f3n del debido proceso por defecto f\u00e1ctico en la valoraci\u00f3n probatoria (La autoridad judicial accionada) incurri\u00f3 en defecto f\u00e1ctico al concluir demostrada una causa extra\u00f1a por el hecho de un tercero en la producci\u00f3n del da\u00f1o, producto de una indebida valoraci\u00f3n de las pruebas practicadas durante el proceso de reparaci\u00f3n directa. A la Corporaci\u00f3n le result\u00f3 contradictorio que la autoridad accionada determinara como probada la eximente de responsabilidad pese a que tambi\u00e9n concluy\u00f3 que el da\u00f1o se hab\u00eda originado en la falta de reparaci\u00f3n del port\u00f3n ...<br \/><div class=\"pt-cv-rmwrap\"><a href=\"https:\/\/www.dmsjuridica.com\/buscador_20179478954\/corteconstitucionalcronologico202454587\/su316-23\/\" class=\"_self pt-cv-readmore btn btn-success\" target=\"_self\">Ver Sentencia Completa...<\/a><\/div><\/div><\/div><\/div>\n<div class=\"col-md-12 col-sm-12 col-xs-12 pt-cv-content-item pt-cv-1-col\" ><div class='pt-cv-ifield'><a href=\"https:\/\/www.dmsjuridica.com\/buscador_20179478954\/corteconstitucionalcronologico202454587\/su306-23\/\" class=\"_self pt-cv-href-thumbnail pt-cv-thumb-default\" target=\"_self\" ><\/a>\n<div class=\"pt-cv-taxoterm above_title\"><a href='https:\/\/www.dmsjuridica.com\/buscador_20179478954\/corteconstitucionalcronologico202454587\/category\/buscar-en-toda-la-corte\/2023\/sentencias-de-unificacion-2023\/' title='Sentencias de Unificaci\u00f3n 2023' class='pt-cv-tax-sentencias-de-unificacion-2023'>Sentencias de Unificaci\u00f3n 2023<\/a><\/div>\n<h4 class=\"pt-cv-title\"><a href=\"https:\/\/www.dmsjuridica.com\/buscador_20179478954\/corteconstitucionalcronologico202454587\/su306-23\/\" class=\"_self\" target=\"_self\" >SU306-23<\/a><\/h4>\n<div class=\"pt-cv-content\">TEMAS-SUBTEMAS Sentencia SU-306\/23 DERECHOS FUNDAMENTALES DE PERSONAS PRIVADAS DE LA LIBERTAD-Pueden ser limitados razonable y proporcionalmente CARENCIA ACTUAL DE OBJETO-Fen\u00f3meno que se configura en los siguientes eventos: hecho superado, da\u00f1o consumado o situaci\u00f3n sobreviniente CARENCIA ACTUAL DE OBJETO POR SITUACI\u00d3N SOBREVINIENTE-Configuraci\u00f3n (...) el accionante perdi\u00f3 inter\u00e9s en el objeto original de la litis, el cual era que la Junta de Evaluaci\u00f3n de Trabajo, Estudio y Ense\u00f1anza (JEETE) del centro carcelario y penitenciario le asignara a la actividad de bisuter\u00eda. La p\u00e9rdida de inter\u00e9s del accionante se deriv\u00f3 por su asignaci\u00f3n a otra actividad distinta a la solicitada, la cual era ...<br \/><div class=\"pt-cv-rmwrap\"><a href=\"https:\/\/www.dmsjuridica.com\/buscador_20179478954\/corteconstitucionalcronologico202454587\/su306-23\/\" class=\"_self pt-cv-readmore btn btn-success\" target=\"_self\">Ver Sentencia Completa...<\/a><\/div><\/div><\/div><\/div>\n<div class=\"col-md-12 col-sm-12 col-xs-12 pt-cv-content-item pt-cv-1-col\" ><div class='pt-cv-ifield'><a href=\"https:\/\/www.dmsjuridica.com\/buscador_20179478954\/corteconstitucionalcronologico202454587\/su297-23\/\" class=\"_self pt-cv-href-thumbnail pt-cv-thumb-default\" target=\"_self\" ><\/a>\n<div class=\"pt-cv-taxoterm above_title\"><a href='https:\/\/www.dmsjuridica.com\/buscador_20179478954\/corteconstitucionalcronologico202454587\/category\/buscar-en-toda-la-corte\/2023\/sentencias-de-unificacion-2023\/' title='Sentencias de Unificaci\u00f3n 2023' class='pt-cv-tax-sentencias-de-unificacion-2023'>Sentencias de Unificaci\u00f3n 2023<\/a><\/div>\n<h4 class=\"pt-cv-title\"><a href=\"https:\/\/www.dmsjuridica.com\/buscador_20179478954\/corteconstitucionalcronologico202454587\/su297-23\/\" class=\"_self\" target=\"_self\" >SU297-23<\/a><\/h4>\n<div class=\"pt-cv-content\">\u00a0 \u00a0 DESAPARICION FORZADA-Derechos de las v\u00edctimas\/VIOLACION DE DERECHOS HUMANOS-Obligaci\u00f3n de investigar, procesar y sancionar dentro de un \u201cplazo razonable\u201d \u00a0 \u00a0\u00a0 (La entidad accionada) vulner\u00f3 los derechos fundamentales a un debido proceso y al acceso a la administraci\u00f3n de justicia y, en consecuencia, a la verdad, a la justicia y a la reparaci\u00f3n de (la accionante)\u2026 (i) al suspender la investigaci\u00f3n sin haber adelantado ninguna actuaci\u00f3n dirigida a esclarecer los hechos, identificar a los presuntos responsables y, de ser el caso, sancionarlos\u2026 (ii) al tardarse m\u00e1s de una d\u00e9cada en reanudar la investigaci\u00f3n despu\u00e9s de que hubiese sido suspendida ...<br \/><div class=\"pt-cv-rmwrap\"><a href=\"https:\/\/www.dmsjuridica.com\/buscador_20179478954\/corteconstitucionalcronologico202454587\/su297-23\/\" class=\"_self pt-cv-readmore btn btn-success\" target=\"_self\">Ver Sentencia Completa...<\/a><\/div><\/div><\/div><\/div>\n<div class=\"col-md-12 col-sm-12 col-xs-12 pt-cv-content-item pt-cv-1-col\" ><div class='pt-cv-ifield'><a href=\"https:\/\/www.dmsjuridica.com\/buscador_20179478954\/corteconstitucionalcronologico202454587\/su296-23\/\" class=\"_self pt-cv-href-thumbnail pt-cv-thumb-default\" target=\"_self\" ><\/a>\n<div class=\"pt-cv-taxoterm above_title\"><a href='https:\/\/www.dmsjuridica.com\/buscador_20179478954\/corteconstitucionalcronologico202454587\/category\/buscar-en-toda-la-corte\/2023\/sentencias-de-unificacion-2023\/' title='Sentencias de Unificaci\u00f3n 2023' class='pt-cv-tax-sentencias-de-unificacion-2023'>Sentencias de Unificaci\u00f3n 2023<\/a><\/div>\n<h4 class=\"pt-cv-title\"><a href=\"https:\/\/www.dmsjuridica.com\/buscador_20179478954\/corteconstitucionalcronologico202454587\/su296-23\/\" class=\"_self\" target=\"_self\" >SU296-23<\/a><\/h4>\n<div class=\"pt-cv-content\">TEMAS-SUBTEMAS Sentencia SU-296\/23 DERECHO A LAS VACACIONES PERI\u00d3DICAS PAGAS-Dimensi\u00f3n central del derecho fundamental al descanso (...) no es apropiado que se supedite la concesi\u00f3n de las vacaciones a los empleados y funcionarios judiciales a la existencia de disponibilidad presupuestal. Esto implica que una vez las vacaciones se han causado, no deben existir condicionamientos o cortapisas para su otorgamiento y la contrataci\u00f3n de la persona que remplazar\u00e1 al trabajador en las labores que le corresponden. ACCI\u00d3N DE TUTELA PARA PROTEGER EL DERECHO A LAS VACACIONES PERI\u00d3DICAS PAGAS Y AL DESCANSO LABORAL-Procedencia (...), trat\u00e1ndose de la negativa de la concesi\u00f3n de las ...<br \/><div class=\"pt-cv-rmwrap\"><a href=\"https:\/\/www.dmsjuridica.com\/buscador_20179478954\/corteconstitucionalcronologico202454587\/su296-23\/\" class=\"_self pt-cv-readmore btn btn-success\" target=\"_self\">Ver Sentencia Completa...<\/a><\/div><\/div><\/div><\/div>\n<div class=\"col-md-12 col-sm-12 col-xs-12 pt-cv-content-item pt-cv-1-col\" ><div class='pt-cv-ifield'><a href=\"https:\/\/www.dmsjuridica.com\/buscador_20179478954\/corteconstitucionalcronologico202454587\/su295-23\/\" class=\"_self pt-cv-href-thumbnail pt-cv-thumb-default\" target=\"_self\" ><\/a>\n<div class=\"pt-cv-taxoterm above_title\"><a href='https:\/\/www.dmsjuridica.com\/buscador_20179478954\/corteconstitucionalcronologico202454587\/category\/buscar-en-toda-la-corte\/2023\/sentencias-de-unificacion-2023\/' title='Sentencias de Unificaci\u00f3n 2023' class='pt-cv-tax-sentencias-de-unificacion-2023'>Sentencias de Unificaci\u00f3n 2023<\/a><\/div>\n<h4 class=\"pt-cv-title\"><a href=\"https:\/\/www.dmsjuridica.com\/buscador_20179478954\/corteconstitucionalcronologico202454587\/su295-23\/\" class=\"_self\" target=\"_self\" >SU295-23<\/a><\/h4>\n<div class=\"pt-cv-content\">\u00a0 \u00a0 DEBIDO PROCESO ADMINISTRATIVO EN TR\u00c1MITE DE ANULACI\u00d3N DE INSCRIPCI\u00d3N DE C\u00c9DULAS DE CIUDADAN\u00cdA-Decisi\u00f3n acat\u00f3 precedente constitucional sobre vinculaci\u00f3n de personas interesadas \u00a0 \u00a0\u00a0 ACTO DE INSCRIPCION EN REGISTRO PUBLICO-Entendimiento de notificaci\u00f3n el d\u00eda de la anotaci\u00f3n \u00a0 \u00a0\u00a0 (\u2026), la anotaci\u00f3n en el registro p\u00fablico puede ser considerada como notificaci\u00f3n del acto, siempre y cuando se asegure la vinculaci\u00f3n de las personas interesadas dentro del proceso administrativo que culmina con el acto objeto de registro.\u00a0\u00a0 \u00a0 \u00a0\u00a0 ACCION DE TUTELA CONTRA PROVIDENCIAS JUDICIALES DE ALTAS CORPORACIONES-Requisitos generales y especiales de procedibilidad son m\u00e1s estrictos \u00a0 ACCION DE TUTELA ...<br \/><div class=\"pt-cv-rmwrap\"><a href=\"https:\/\/www.dmsjuridica.com\/buscador_20179478954\/corteconstitucionalcronologico202454587\/su295-23\/\" class=\"_self pt-cv-readmore btn btn-success\" target=\"_self\">Ver Sentencia Completa...<\/a><\/div><\/div><\/div><\/div>\n<div class=\"col-md-12 col-sm-12 col-xs-12 pt-cv-content-item pt-cv-1-col\" ><div class='pt-cv-ifield'><a href=\"https:\/\/www.dmsjuridica.com\/buscador_20179478954\/corteconstitucionalcronologico202454587\/su282-23\/\" class=\"_self pt-cv-href-thumbnail pt-cv-thumb-default\" target=\"_self\" ><\/a>\n<div class=\"pt-cv-taxoterm above_title\"><a href='https:\/\/www.dmsjuridica.com\/buscador_20179478954\/corteconstitucionalcronologico202454587\/category\/buscar-en-toda-la-corte\/2023\/sentencias-de-unificacion-2023\/' title='Sentencias de Unificaci\u00f3n 2023' class='pt-cv-tax-sentencias-de-unificacion-2023'>Sentencias de Unificaci\u00f3n 2023<\/a><\/div>\n<h4 class=\"pt-cv-title\"><a href=\"https:\/\/www.dmsjuridica.com\/buscador_20179478954\/corteconstitucionalcronologico202454587\/su282-23\/\" class=\"_self\" target=\"_self\" >SU282-23<\/a><\/h4>\n<div class=\"pt-cv-content\">TEMAS-SUBTEMAS Sentencia SU-282\/23 DERECHOS A LA VIDA, LA SEGURIDAD E INTEGRIDAD PERSONAL Y EL DEBIDO PROCESO ADMINISTRATIVO-Unidad de Investigaci\u00f3n y Acusaci\u00f3n de la Jurisdicci\u00f3n Especial de Paz JEP debe valorar adecuadamente el nivel de riesgo y adoptar medidas de protecci\u00f3n (...) circunstancias como el mero paso del tiempo no implican de manera necesaria que la existencia del riesgo o su nivel desaparezcan o se reduzcan. Y de otra, que circunstancias como el no avance en los procesos, por razones ajenas a las personas protegidas, como la no programaci\u00f3n de las correspondientes diligencias, tampoco pueden servir de fundamento para valorar la ...<br \/><div class=\"pt-cv-rmwrap\"><a href=\"https:\/\/www.dmsjuridica.com\/buscador_20179478954\/corteconstitucionalcronologico202454587\/su282-23\/\" class=\"_self pt-cv-readmore btn btn-success\" target=\"_self\">Ver Sentencia Completa...<\/a><\/div><\/div><\/div><\/div>\n<div class=\"col-md-12 col-sm-12 col-xs-12 pt-cv-content-item pt-cv-1-col\" ><div class='pt-cv-ifield'><a href=\"https:\/\/www.dmsjuridica.com\/buscador_20179478954\/corteconstitucionalcronologico202454587\/su269-23\/\" class=\"_self pt-cv-href-thumbnail pt-cv-thumb-default\" target=\"_self\" ><\/a>\n<div class=\"pt-cv-taxoterm above_title\"><a href='https:\/\/www.dmsjuridica.com\/buscador_20179478954\/corteconstitucionalcronologico202454587\/category\/buscar-en-toda-la-corte\/2023\/sentencias-de-unificacion-2023\/' title='Sentencias de Unificaci\u00f3n 2023' class='pt-cv-tax-sentencias-de-unificacion-2023'>Sentencias de Unificaci\u00f3n 2023<\/a><\/div>\n<h4 class=\"pt-cv-title\"><a href=\"https:\/\/www.dmsjuridica.com\/buscador_20179478954\/corteconstitucionalcronologico202454587\/su269-23\/\" class=\"_self\" target=\"_self\" >SU269-23<\/a><\/h4>\n<div class=\"pt-cv-content\">\u00a0 \u00a0 DERECHO A LA ESTABILIDAD LABORAL REFORZADA DE PERSONA EN ESTADO DE DEBILIDAD MANIFIESTA POR RAZONES DE SALUD-Vulneraci\u00f3n por desconocimiento del precedente constitucional sobre la interpretaci\u00f3n del art\u00edculo 26 de la Ley 361 de 1997 \u00a0 \u00a0\u00a0 (\u2026) la sentencia de casaci\u00f3n incurri\u00f3 en desconocimiento del precedente, espec\u00edficamente de las sentencias de unificaci\u00f3n SU-049 de 2017 y SU-380 de 2021, al interpretar equivocadamente el art\u00edculo 26 de la Ley 361 de 1997, en contrav\u00eda de lo dispuesto por la Constituci\u00f3n Pol\u00edtica, y negarse a reconocer el derecho fundamental a la estabilidad laboral reforzada por razones de salud, aduciendo que ...<br \/><div class=\"pt-cv-rmwrap\"><a href=\"https:\/\/www.dmsjuridica.com\/buscador_20179478954\/corteconstitucionalcronologico202454587\/su269-23\/\" class=\"_self pt-cv-readmore btn btn-success\" target=\"_self\">Ver Sentencia Completa...<\/a><\/div><\/div><\/div><\/div>\n<div class=\"col-md-12 col-sm-12 col-xs-12 pt-cv-content-item pt-cv-1-col\" ><div class='pt-cv-ifield'><a href=\"https:\/\/www.dmsjuridica.com\/buscador_20179478954\/corteconstitucionalcronologico202454587\/su214-23\/\" class=\"_self pt-cv-href-thumbnail pt-cv-thumb-default\" target=\"_self\" ><\/a>\n<div class=\"pt-cv-taxoterm above_title\"><a href='https:\/\/www.dmsjuridica.com\/buscador_20179478954\/corteconstitucionalcronologico202454587\/category\/buscar-en-toda-la-corte\/2023\/sentencias-de-unificacion-2023\/' title='Sentencias de Unificaci\u00f3n 2023' class='pt-cv-tax-sentencias-de-unificacion-2023'>Sentencias de Unificaci\u00f3n 2023<\/a><\/div>\n<h4 class=\"pt-cv-title\"><a href=\"https:\/\/www.dmsjuridica.com\/buscador_20179478954\/corteconstitucionalcronologico202454587\/su214-23\/\" class=\"_self\" target=\"_self\" >SU214-23<\/a><\/h4>\n<div class=\"pt-cv-content\">\u00a0 \u00a0 \u00a0\u00a0 TEMAS-SUBTEMAS\u00a0 \u00a0 \u00a0\u00a0 Sentencia SU-214\/23\u00a0 \u00a0 \u00a0\u00a0 PRESCRIPCI\u00d3N DE LA ACCI\u00d3N PENAL Y PRINCIPIO DE FAVORABILIDAD-Interpretaci\u00f3n constitucional del art\u00edculo 189 de la Ley 906 de 2004 \u00a0 \u00a0\u00a0 (\u2026) la \u00fanica lectura constitucionalmente admisible del t\u00e9rmino de la prescripci\u00f3n de la acci\u00f3n penal establecido en el art\u00edculo 189 de la Ley 906 de 2004 es el siguiente: (i) el lapso de cinco a\u00f1os previsto en la norma es un t\u00e9rmino perentorio para dictar la sentencia de casaci\u00f3n que no puede extenderse ni un solo d\u00eda m\u00e1s, so pena de que opere la prescripci\u00f3n de la acci\u00f3n sancionatoria; ...<br \/><div class=\"pt-cv-rmwrap\"><a href=\"https:\/\/www.dmsjuridica.com\/buscador_20179478954\/corteconstitucionalcronologico202454587\/su214-23\/\" class=\"_self pt-cv-readmore btn btn-success\" target=\"_self\">Ver Sentencia Completa...<\/a><\/div><\/div><\/div><\/div>\n<div class=\"col-md-12 col-sm-12 col-xs-12 pt-cv-content-item pt-cv-1-col\" ><div class='pt-cv-ifield'><a href=\"https:\/\/www.dmsjuridica.com\/buscador_20179478954\/corteconstitucionalcronologico202454587\/su213-23\/\" class=\"_self pt-cv-href-thumbnail pt-cv-thumb-default\" target=\"_self\" ><\/a>\n<div class=\"pt-cv-taxoterm above_title\"><a href='https:\/\/www.dmsjuridica.com\/buscador_20179478954\/corteconstitucionalcronologico202454587\/category\/buscar-en-toda-la-corte\/2023\/sentencias-de-unificacion-2023\/' title='Sentencias de Unificaci\u00f3n 2023' class='pt-cv-tax-sentencias-de-unificacion-2023'>Sentencias de Unificaci\u00f3n 2023<\/a><\/div>\n<h4 class=\"pt-cv-title\"><a href=\"https:\/\/www.dmsjuridica.com\/buscador_20179478954\/corteconstitucionalcronologico202454587\/su213-23\/\" class=\"_self\" target=\"_self\" >SU213-23<\/a><\/h4>\n<div class=\"pt-cv-content\">\u00a0 \u00a0 ACCI\u00d3N DE TUTELA CONTRA PROVIDENCIAS JUDICIALES EN ASUNTO PENSIONAL-Concede amparo por violaci\u00f3n directa de la Constituci\u00f3n y desconocimiento del precedente constitucional\/PENSION DE SOBREVIVIENTES-Protecci\u00f3n a mujeres que contraen nuevas nupcias as\u00ed haya ocurrido antes de la Constituci\u00f3n de 1991\u00a0 \u00a0 \u00a0\u00a0 (\u2026), cualquier decisi\u00f3n proferida por las administradoras de pensiones o por los jueces ordinarios o administrativos laborales que se haya valido de la vigencia de normas preconstitucionales, para negar el restablecimiento del derecho a la pensi\u00f3n de sobrevivientes por haber contra\u00eddo nuevas nupcias o hecho nueva vida marital antes del 7 de julio de 1991, no pueden pretender ...<br \/><div class=\"pt-cv-rmwrap\"><a href=\"https:\/\/www.dmsjuridica.com\/buscador_20179478954\/corteconstitucionalcronologico202454587\/su213-23\/\" class=\"_self pt-cv-readmore btn btn-success\" target=\"_self\">Ver Sentencia Completa...<\/a><\/div><\/div><\/div><\/div>\n<div class=\"col-md-12 col-sm-12 col-xs-12 pt-cv-content-item pt-cv-1-col\" ><div class='pt-cv-ifield'><a href=\"https:\/\/www.dmsjuridica.com\/buscador_20179478954\/corteconstitucionalcronologico202454587\/su212-23\/\" class=\"_self pt-cv-href-thumbnail pt-cv-thumb-default\" target=\"_self\" ><\/a>\n<div class=\"pt-cv-taxoterm above_title\"><a href='https:\/\/www.dmsjuridica.com\/buscador_20179478954\/corteconstitucionalcronologico202454587\/category\/buscar-en-toda-la-corte\/2023\/sentencias-de-unificacion-2023\/' title='Sentencias de Unificaci\u00f3n 2023' class='pt-cv-tax-sentencias-de-unificacion-2023'>Sentencias de Unificaci\u00f3n 2023<\/a><\/div>\n<h4 class=\"pt-cv-title\"><a href=\"https:\/\/www.dmsjuridica.com\/buscador_20179478954\/corteconstitucionalcronologico202454587\/su212-23\/\" class=\"_self\" target=\"_self\" >SU212-23<\/a><\/h4>\n<div class=\"pt-cv-content\">REP\u00daBLICA DE COLOMBIA CORTE CONSTITUCIONAL Sala Plena Sentencia SU-212 de 2023 Expediente: T-8.996.369. Acci\u00f3n de tutela presentada por el Banco de la Rep\u00fablica en contra de la Sala de Descongesti\u00f3n No. 2 de la Sala de Casaci\u00f3n Laboral de la Corte Suprema de Justicia. Magistrada ponente: Natalia \u00c1ngel Cabo. Bogot\u00e1, D.C., ocho (08) de junio de dos mil veintitr\u00e9s (2023). SENTENCIA dentro del proceso de revisi\u00f3n de los fallos de tutela proferidos, en primera instancia, por la Sala de Casaci\u00f3n Penal de la Corte Suprema de Justicia y, en segunda instancia, por la Sala de Casaci\u00f3n Civil de la Corte ...<br \/><div class=\"pt-cv-rmwrap\"><a href=\"https:\/\/www.dmsjuridica.com\/buscador_20179478954\/corteconstitucionalcronologico202454587\/su212-23\/\" class=\"_self pt-cv-readmore btn btn-success\" target=\"_self\">Ver Sentencia Completa...<\/a><\/div><\/div><\/div><\/div>\n<div class=\"col-md-12 col-sm-12 col-xs-12 pt-cv-content-item pt-cv-1-col\" ><div class='pt-cv-ifield'><a href=\"https:\/\/www.dmsjuridica.com\/buscador_20179478954\/corteconstitucionalcronologico202454587\/su196-23\/\" class=\"_self pt-cv-href-thumbnail pt-cv-thumb-default\" target=\"_self\" ><\/a>\n<div class=\"pt-cv-taxoterm above_title\"><a href='https:\/\/www.dmsjuridica.com\/buscador_20179478954\/corteconstitucionalcronologico202454587\/category\/buscar-en-toda-la-corte\/2023\/sentencias-de-unificacion-2023\/' title='Sentencias de Unificaci\u00f3n 2023' class='pt-cv-tax-sentencias-de-unificacion-2023'>Sentencias de Unificaci\u00f3n 2023<\/a><\/div>\n<h4 class=\"pt-cv-title\"><a href=\"https:\/\/www.dmsjuridica.com\/buscador_20179478954\/corteconstitucionalcronologico202454587\/su196-23\/\" class=\"_self\" target=\"_self\" >SU196-23<\/a><\/h4>\n<div class=\"pt-cv-content\">\u00a0 \u00a0 DERECHOS AL AGUA, AMBIENTE SANO, ALIMENTACI\u00d3N, TRABAJO Y RECONOCIMIENTO DE LA DIVERSIDAD \u00c9TNICA Y CULTURAL-Vulneraci\u00f3n por incumplimiento sistem\u00e1tico del Plan de Manejo Ambiental de Central Hidroel\u00e9ctrica que afecta comunidades afrodescendientes \u00a0 \u00a0\u00a0 (\u2026), si bien se han adelantado esfuerzos para avanzar en las gestiones necesarias para el repoblamiento y fomento pisc\u00edcola del r\u00edo, estas han sido insuficientes para proteger efectivamente los derechos al ambiente sano, al agua, la alimentaci\u00f3n, el trabajo, a la consulta previa y a un enfoque diferencial \u00e9tnico, en desarrollo del principio de respeto de la diversidad, respecto de las comunidades negras del r\u00edo Anchicay\u00e1.\u00a0 ...<br \/><div class=\"pt-cv-rmwrap\"><a href=\"https:\/\/www.dmsjuridica.com\/buscador_20179478954\/corteconstitucionalcronologico202454587\/su196-23\/\" class=\"_self pt-cv-readmore btn btn-success\" target=\"_self\">Ver Sentencia Completa...<\/a><\/div><\/div><\/div><\/div>\n<div class=\"col-md-12 col-sm-12 col-xs-12 pt-cv-content-item pt-cv-1-col\" ><div class='pt-cv-ifield'><a href=\"https:\/\/www.dmsjuridica.com\/buscador_20179478954\/corteconstitucionalcronologico202454587\/su168-23\/\" class=\"_self pt-cv-href-thumbnail pt-cv-thumb-default\" target=\"_self\" ><\/a>\n<div class=\"pt-cv-taxoterm above_title\"><a href='https:\/\/www.dmsjuridica.com\/buscador_20179478954\/corteconstitucionalcronologico202454587\/category\/buscar-en-toda-la-corte\/2023\/sentencias-de-unificacion-2023\/' title='Sentencias de Unificaci\u00f3n 2023' class='pt-cv-tax-sentencias-de-unificacion-2023'>Sentencias de Unificaci\u00f3n 2023<\/a><\/div>\n<h4 class=\"pt-cv-title\"><a href=\"https:\/\/www.dmsjuridica.com\/buscador_20179478954\/corteconstitucionalcronologico202454587\/su168-23\/\" class=\"_self\" target=\"_self\" >SU168-23<\/a><\/h4>\n<div class=\"pt-cv-content\">TEMAS-SUBTEMAS Sentencia SU-168\/23 ACCION DE TUTELA CONTRA PROVIDENCIAS JUDICIALES-Procedencia por defecto f\u00e1ctico, por indebida valoraci\u00f3n de los hechos, y sustantivo por error en la aplicaci\u00f3n de la regla de caducidad en acci\u00f3n de reparaci\u00f3n directa (La autoridad judicial accionada) incurri\u00f3 en: Defecto f\u00e1ctico, al considerar que la alegada desaparici\u00f3n forzada hab\u00eda cesado en el momento (1997) en el que miembros del grupo paramilitar informaron a sus familiares que hab\u00edan asesinado al se\u00f1or .... Esto, porque conforme a la Constituci\u00f3n, la ley y la jurisprudencia, la simple declaraci\u00f3n o confesi\u00f3n sobre el homicidio de la v\u00edctima no es un medio de ...<br \/><div class=\"pt-cv-rmwrap\"><a href=\"https:\/\/www.dmsjuridica.com\/buscador_20179478954\/corteconstitucionalcronologico202454587\/su168-23\/\" class=\"_self pt-cv-readmore btn btn-success\" target=\"_self\">Ver Sentencia Completa...<\/a><\/div><\/div><\/div><\/div>\n<div class=\"col-md-12 col-sm-12 col-xs-12 pt-cv-content-item pt-cv-1-col\" ><div class='pt-cv-ifield'><a href=\"https:\/\/www.dmsjuridica.com\/buscador_20179478954\/corteconstitucionalcronologico202454587\/su167-23\/\" class=\"_self pt-cv-href-thumbnail pt-cv-thumb-default\" target=\"_self\" ><\/a>\n<div class=\"pt-cv-taxoterm above_title\"><a href='https:\/\/www.dmsjuridica.com\/buscador_20179478954\/corteconstitucionalcronologico202454587\/category\/buscar-en-toda-la-corte\/2023\/sentencias-de-unificacion-2023\/' title='Sentencias de Unificaci\u00f3n 2023' class='pt-cv-tax-sentencias-de-unificacion-2023'>Sentencias de Unificaci\u00f3n 2023<\/a><\/div>\n<h4 class=\"pt-cv-title\"><a href=\"https:\/\/www.dmsjuridica.com\/buscador_20179478954\/corteconstitucionalcronologico202454587\/su167-23\/\" class=\"_self\" target=\"_self\" >SU167-23<\/a><\/h4>\n<div class=\"pt-cv-content\">\u00a0 \u00a0 ACCION DE TUTELA CONTRA PROVIDENCIAS JUDICIALES-Procedencia por defecto f\u00e1ctico al no valorar pruebas en proceso de reparaci\u00f3n directa por ejecuciones extrajudiciales -falsos positivos- \u00a0 \u00a0\u00a0 (\u2026) se configur\u00f3 el defecto f\u00e1ctico propuesto, pues el an\u00e1lisis conjunto y flexible de los\u2026 elementos de juicio le habr\u00eda permitido a la Subsecci\u00f3n A de la Secci\u00f3n Tercera del Consejo de Estado advertir las barreras en el acceso a la administraci\u00f3n de justicia que pudieron soportar los familiares de Francisco Javier Galeano Herrera para acudir oportunamente a la acci\u00f3n de reparaci\u00f3n directa. Atendiendo a esta circunstancia, debi\u00f3 tomar como fecha de inicio ...<br \/><div class=\"pt-cv-rmwrap\"><a href=\"https:\/\/www.dmsjuridica.com\/buscador_20179478954\/corteconstitucionalcronologico202454587\/su167-23\/\" class=\"_self pt-cv-readmore btn btn-success\" target=\"_self\">Ver Sentencia Completa...<\/a><\/div><\/div><\/div><\/div>\n<div class=\"col-md-12 col-sm-12 col-xs-12 pt-cv-content-item pt-cv-1-col\" ><div class='pt-cv-ifield'><a href=\"https:\/\/www.dmsjuridica.com\/buscador_20179478954\/corteconstitucionalcronologico202454587\/su163-23\/\" class=\"_self pt-cv-href-thumbnail pt-cv-thumb-default\" target=\"_self\" ><\/a>\n<div class=\"pt-cv-taxoterm above_title\"><a href='https:\/\/www.dmsjuridica.com\/buscador_20179478954\/corteconstitucionalcronologico202454587\/category\/buscar-en-toda-la-corte\/2023\/sentencias-de-unificacion-2023\/' title='Sentencias de Unificaci\u00f3n 2023' class='pt-cv-tax-sentencias-de-unificacion-2023'>Sentencias de Unificaci\u00f3n 2023<\/a><\/div>\n<h4 class=\"pt-cv-title\"><a href=\"https:\/\/www.dmsjuridica.com\/buscador_20179478954\/corteconstitucionalcronologico202454587\/su163-23\/\" class=\"_self\" target=\"_self\" >SU163-23<\/a><\/h4>\n<div class=\"pt-cv-content\">Expediente T-8.101.824 PROCESO DE RESTITUCION DE TIERRAS-Buena fe exenta de culpa\/ACCION DE TUTELA CONTRA PROVIDENCIAS JUDICIALES-Procedencia por defecto f\u00e1ctico por indebida valoraci\u00f3n probatoria (\u2026) el Tribunal accionado incurri\u00f3 en un defecto f\u00e1ctico, por haber valorado en indebida forma y sin apego a las reglas de la sana cr\u00edtica, los medios de prueba que demostraron que la sociedad accionante actu\u00f3 conforme a los postulados de la buena fe exenta de culpa al momento de adquirir el predio en el a\u00f1o 2008 y que, en consecuencia, deb\u00eda ser titular del derecho a recibir las compensaciones previstas en la Ley 1448 de 2011, ...<br \/><div class=\"pt-cv-rmwrap\"><a href=\"https:\/\/www.dmsjuridica.com\/buscador_20179478954\/corteconstitucionalcronologico202454587\/su163-23\/\" class=\"_self pt-cv-readmore btn btn-success\" target=\"_self\">Ver Sentencia Completa...<\/a><\/div><\/div><\/div><\/div>\n<div class=\"col-md-12 col-sm-12 col-xs-12 pt-cv-content-item pt-cv-1-col\" ><div class='pt-cv-ifield'><a href=\"https:\/\/www.dmsjuridica.com\/buscador_20179478954\/corteconstitucionalcronologico202454587\/su155-23\/\" class=\"_self pt-cv-href-thumbnail pt-cv-thumb-default\" target=\"_self\" ><\/a>\n<div class=\"pt-cv-taxoterm above_title\"><a href='https:\/\/www.dmsjuridica.com\/buscador_20179478954\/corteconstitucionalcronologico202454587\/category\/buscar-en-toda-la-corte\/2023\/sentencias-de-unificacion-2023\/' title='Sentencias de Unificaci\u00f3n 2023' class='pt-cv-tax-sentencias-de-unificacion-2023'>Sentencias de Unificaci\u00f3n 2023<\/a><\/div>\n<h4 class=\"pt-cv-title\"><a href=\"https:\/\/www.dmsjuridica.com\/buscador_20179478954\/corteconstitucionalcronologico202454587\/su155-23\/\" class=\"_self\" target=\"_self\" >SU155-23<\/a><\/h4>\n<div class=\"pt-cv-content\">Expediente T-8.854.609 M.P. Diana Fajardo Rivera ACCI\u00d3N DE TUTELA CONTRA PROVIDENCIAS JUDICIALES EN MEDIO DE CONTROL REPARACI\u00d3N DIRECTA-Vulneraci\u00f3n del debido proceso por defecto f\u00e1ctico en la valoraci\u00f3n de la falla en el servicio m\u00e9dico (La autoridad judicial accionada) incurri\u00f3 en un defecto f\u00e1ctico por indebida valoraci\u00f3n probatoria al (i) fundar la ausencia de responsabilidad de las instituciones demandadas \u00fanicamente a partir de la historia cl\u00ednica, sin contrastar la conclusi\u00f3n que se extra\u00eda de dicho documento con los testimonios que, a continuaci\u00f3n, trascribi\u00f3; y (ii) no analizar las cuestiones que se desprend\u00edan de la historia cl\u00ednica y de las pruebas testimoniales ...<br \/><div class=\"pt-cv-rmwrap\"><a href=\"https:\/\/www.dmsjuridica.com\/buscador_20179478954\/corteconstitucionalcronologico202454587\/su155-23\/\" class=\"_self pt-cv-readmore btn btn-success\" target=\"_self\">Ver Sentencia Completa...<\/a><\/div><\/div><\/div><\/div>\n<div class=\"col-md-12 col-sm-12 col-xs-12 pt-cv-content-item pt-cv-1-col\" ><div class='pt-cv-ifield'><a href=\"https:\/\/www.dmsjuridica.com\/buscador_20179478954\/corteconstitucionalcronologico202454587\/su114-23\/\" class=\"_self pt-cv-href-thumbnail pt-cv-thumb-default\" target=\"_self\" ><\/a>\n<div class=\"pt-cv-taxoterm above_title\"><a href='https:\/\/www.dmsjuridica.com\/buscador_20179478954\/corteconstitucionalcronologico202454587\/category\/buscar-en-toda-la-corte\/2023\/sentencias-de-unificacion-2023\/' title='Sentencias de Unificaci\u00f3n 2023' class='pt-cv-tax-sentencias-de-unificacion-2023'>Sentencias de Unificaci\u00f3n 2023<\/a><\/div>\n<h4 class=\"pt-cv-title\"><a href=\"https:\/\/www.dmsjuridica.com\/buscador_20179478954\/corteconstitucionalcronologico202454587\/su114-23\/\" class=\"_self\" target=\"_self\" >SU114-23<\/a><\/h4>\n<div class=\"pt-cv-content\">TEMAS-SUBTEMAS Sentencia SU-114\/23 ACCION DE REPARACION DIRECTA POR RESPONSABILIDAD DEL ESTADO-Mecanismo que permite a las v\u00edctimas, obtener la reparaci\u00f3n integral de sus perjuicios, no solo en t\u00e9rminos econ\u00f3micos, sino a trav\u00e9s de medidas de satisfacci\u00f3n ACCION DE REPARACION DIRECTA-Deber del juez administrativo de decretar pruebas de oficio tanto en primera como en segunda instancia (...), de insistirse en las supuestas dudas sobre la relaci\u00f3n material entre la menor de edad y su padre, as\u00ed como la acreditaci\u00f3n de los perjuicios causados, la autoridad judicial pudo haber decretado la pr\u00e1ctica de pruebas testimoniales o documentales adicionales, relacionadas con tales incertidumbres. Incluso, ...<br \/><div class=\"pt-cv-rmwrap\"><a href=\"https:\/\/www.dmsjuridica.com\/buscador_20179478954\/corteconstitucionalcronologico202454587\/su114-23\/\" class=\"_self pt-cv-readmore btn btn-success\" target=\"_self\">Ver Sentencia Completa...<\/a><\/div><\/div><\/div><\/div>\n<div class=\"col-md-12 col-sm-12 col-xs-12 pt-cv-content-item pt-cv-1-col\" ><div class='pt-cv-ifield'><a href=\"https:\/\/www.dmsjuridica.com\/buscador_20179478954\/corteconstitucionalcronologico202454587\/su091-23\/\" class=\"_self pt-cv-href-thumbnail pt-cv-thumb-default\" target=\"_self\" ><\/a>\n<div class=\"pt-cv-taxoterm above_title\"><a href='https:\/\/www.dmsjuridica.com\/buscador_20179478954\/corteconstitucionalcronologico202454587\/category\/buscar-en-toda-la-corte\/2023\/sentencias-de-unificacion-2023\/' title='Sentencias de Unificaci\u00f3n 2023' class='pt-cv-tax-sentencias-de-unificacion-2023'>Sentencias de Unificaci\u00f3n 2023<\/a><\/div>\n<h4 class=\"pt-cv-title\"><a href=\"https:\/\/www.dmsjuridica.com\/buscador_20179478954\/corteconstitucionalcronologico202454587\/su091-23\/\" class=\"_self\" target=\"_self\" >SU091-23<\/a><\/h4>\n<div class=\"pt-cv-content\">\u00a0 \u00a0 DERECHO A UNA VIDA LIBRE DE VIOLENCIA Y LIBERTAD DE EXPRESI\u00d3N-Vulneraci\u00f3n al invisibilizar la voz y la participaci\u00f3n de la mujer en las decisiones de la comunidad ind\u00edgena \u00a0 \u00a0\u00a0 (La autoridad ind\u00edgena accionada) vulner\u00f3 el derecho de (la accionante), as\u00ed como de las mujeres de la comunidad, a tener una vida libre de violencia y a la libertad de expresi\u00f3n, en virtud de la reacci\u00f3n que tuvieron las autoridades de la Corporaci\u00f3n frente a las actuaciones de las mujeres de la comunidad\u2026 la entidad accionada desconoci\u00f3 el derecho a la libertad de expresi\u00f3n de las mujeres, dado ...<br \/><div class=\"pt-cv-rmwrap\"><a href=\"https:\/\/www.dmsjuridica.com\/buscador_20179478954\/corteconstitucionalcronologico202454587\/su091-23\/\" class=\"_self pt-cv-readmore btn btn-success\" target=\"_self\">Ver Sentencia Completa...<\/a><\/div><\/div><\/div><\/div>\n<div class=\"col-md-12 col-sm-12 col-xs-12 pt-cv-content-item pt-cv-1-col\" ><div class='pt-cv-ifield'><a href=\"https:\/\/www.dmsjuridica.com\/buscador_20179478954\/corteconstitucionalcronologico202454587\/su067-23\/\" class=\"_self pt-cv-href-thumbnail pt-cv-thumb-default\" target=\"_self\" ><\/a>\n<div class=\"pt-cv-taxoterm above_title\"><a href='https:\/\/www.dmsjuridica.com\/buscador_20179478954\/corteconstitucionalcronologico202454587\/category\/buscar-en-toda-la-corte\/2023\/sentencias-de-unificacion-2023\/' title='Sentencias de Unificaci\u00f3n 2023' class='pt-cv-tax-sentencias-de-unificacion-2023'>Sentencias de Unificaci\u00f3n 2023<\/a><\/div>\n<h4 class=\"pt-cv-title\"><a href=\"https:\/\/www.dmsjuridica.com\/buscador_20179478954\/corteconstitucionalcronologico202454587\/su067-23\/\" class=\"_self\" target=\"_self\" >SU067-23<\/a><\/h4>\n<div class=\"pt-cv-content\">\u00a0 \u00a0 DERECHO A LA IDENTIDAD DE G\u00c9NERO, IGUALDAD Y PROHIBICI\u00d3N DE DISCRIMINACI\u00d3N-Terminaci\u00f3n del contrato de trabajo sin justa causa a mujer trans, en estado de debilidad manifiesta por razones de salud \u00a0 \u00a0\u00a0 ACCI\u00d3N DE TUTELA CONTRA PROVIDENCIAS JUDICIALES EN ASUNTO LABORAL-Desconocimiento del enfoque constitucional y de g\u00e9nero en caso de despido discriminatorio de mujer trans\u00a0 \u00a0 \u00a0\u00a0 ACCI\u00d3N DE TUTELA CONTRA PROVIDENCIAS JUDICIALES EN ASUNTO LABORAL-Procedencia por incurrir en defecto f\u00e1ctico y violaci\u00f3n directa de la constituci\u00f3n \u00a0 \u00a0\u00a0 \u00a0\u00a0 DERECHO A LA ESTABILIDAD LABORAL REFORZADA-No se circunscribe a quienes han sido calificados con p\u00e9rdida de capacidad laboral ...<br \/><div class=\"pt-cv-rmwrap\"><a href=\"https:\/\/www.dmsjuridica.com\/buscador_20179478954\/corteconstitucionalcronologico202454587\/su067-23\/\" class=\"_self pt-cv-readmore btn btn-success\" target=\"_self\">Ver Sentencia Completa...<\/a><\/div><\/div><\/div><\/div>\n<div class=\"col-md-12 col-sm-12 col-xs-12 pt-cv-content-item pt-cv-1-col\" ><div class='pt-cv-ifield'><a href=\"https:\/\/www.dmsjuridica.com\/buscador_20179478954\/corteconstitucionalcronologico202454587\/su063-23\/\" class=\"_self pt-cv-href-thumbnail pt-cv-thumb-default\" target=\"_self\" ><\/a>\n<div class=\"pt-cv-taxoterm above_title\"><a href='https:\/\/www.dmsjuridica.com\/buscador_20179478954\/corteconstitucionalcronologico202454587\/category\/buscar-en-toda-la-corte\/2023\/sentencias-de-unificacion-2023\/' title='Sentencias de Unificaci\u00f3n 2023' class='pt-cv-tax-sentencias-de-unificacion-2023'>Sentencias de Unificaci\u00f3n 2023<\/a><\/div>\n<h4 class=\"pt-cv-title\"><a href=\"https:\/\/www.dmsjuridica.com\/buscador_20179478954\/corteconstitucionalcronologico202454587\/su063-23\/\" class=\"_self\" target=\"_self\" >SU063-23<\/a><\/h4>\n<div class=\"pt-cv-content\">\u00a0 \u00a0 INTERESES MORATORIOS A MESADAS PENSIONALES, SEGUN ART. 141 DE LA LEY 100\/93 \u00a0 \u00a0\u00a0 (\u2026) los intereses moratorios deben reconocerse no solo en los supuestos de retraso por parte de las administradoras y fondos de pensiones en el reconocimiento de la prestaci\u00f3n econ\u00f3mica, sino tambi\u00e9n en los eventos de reajustes, reliquidaciones, saldos y diferencias. \u00a0 \u00a0\u00a0 ACCION DE TUTELA CONTRA SENTENCIA DE LA CORTE SUPREMA DE JUSTICIA-Improcedencia por interpretaci\u00f3n de la ley \u00a0 \u00a0\u00a0 (i) la decisi\u00f3n que se cuestiona no es contraria al alcance que al art\u00edculo 141 de la Ley 100 de 1993 le asign\u00f3 la ...<br \/><div class=\"pt-cv-rmwrap\"><a href=\"https:\/\/www.dmsjuridica.com\/buscador_20179478954\/corteconstitucionalcronologico202454587\/su063-23\/\" class=\"_self pt-cv-readmore btn btn-success\" target=\"_self\">Ver Sentencia Completa...<\/a><\/div><\/div><\/div><\/div>\n<div class=\"col-md-12 col-sm-12 col-xs-12 pt-cv-content-item pt-cv-1-col\" ><div class='pt-cv-ifield'><a href=\"https:\/\/www.dmsjuridica.com\/buscador_20179478954\/corteconstitucionalcronologico202454587\/su062-23\/\" class=\"_self pt-cv-href-thumbnail pt-cv-thumb-default\" target=\"_self\" ><\/a>\n<div class=\"pt-cv-taxoterm above_title\"><a href='https:\/\/www.dmsjuridica.com\/buscador_20179478954\/corteconstitucionalcronologico202454587\/category\/buscar-en-toda-la-corte\/2023\/sentencias-de-unificacion-2023\/' title='Sentencias de Unificaci\u00f3n 2023' class='pt-cv-tax-sentencias-de-unificacion-2023'>Sentencias de Unificaci\u00f3n 2023<\/a><\/div>\n<h4 class=\"pt-cv-title\"><a href=\"https:\/\/www.dmsjuridica.com\/buscador_20179478954\/corteconstitucionalcronologico202454587\/su062-23\/\" class=\"_self\" target=\"_self\" >SU062-23<\/a><\/h4>\n<div class=\"pt-cv-content\">ACCI\u00d3N DE TUTELA CONTRA PROVIDENCIAS JUDICIALES EN MATERIA PENSIONAL-Configuraci\u00f3n del defecto f\u00e1ctico por no decretar pruebas de oficio y sustantivo por desconocimiento del precedente judicial sobre incumplimiento del deber de afiliaci\u00f3n al sistema (\u2026), las autoridades judiciales de primera y segunda instancia dentro del proceso ordinario omitieron que las potestades oficiosas en materia probatoria se acent\u00faan en los procesos que involucren derechos pensionales. Por su parte, la Sala de Descongesti\u00f3n \u2026 de la Sala de Casaci\u00f3n Laboral de la Corte Suprema de Justicia tambi\u00e9n desconoci\u00f3 el precedente acerca de las competencias probatorias oficiosas y, pese a la existencia de elementos ...<br \/><div class=\"pt-cv-rmwrap\"><a href=\"https:\/\/www.dmsjuridica.com\/buscador_20179478954\/corteconstitucionalcronologico202454587\/su062-23\/\" class=\"_self pt-cv-readmore btn btn-success\" target=\"_self\">Ver Sentencia Completa...<\/a><\/div><\/div><\/div><\/div>\n<div class=\"col-md-12 col-sm-12 col-xs-12 pt-cv-content-item pt-cv-1-col\" ><div class='pt-cv-ifield'><a href=\"https:\/\/www.dmsjuridica.com\/buscador_20179478954\/corteconstitucionalcronologico202454587\/su061-23\/\" class=\"_self pt-cv-href-thumbnail pt-cv-thumb-default\" target=\"_self\" ><\/a>\n<div class=\"pt-cv-taxoterm above_title\"><a href='https:\/\/www.dmsjuridica.com\/buscador_20179478954\/corteconstitucionalcronologico202454587\/category\/buscar-en-toda-la-corte\/2023\/sentencias-de-unificacion-2023\/' title='Sentencias de Unificaci\u00f3n 2023' class='pt-cv-tax-sentencias-de-unificacion-2023'>Sentencias de Unificaci\u00f3n 2023<\/a><\/div>\n<h4 class=\"pt-cv-title\"><a href=\"https:\/\/www.dmsjuridica.com\/buscador_20179478954\/corteconstitucionalcronologico202454587\/su061-23\/\" class=\"_self\" target=\"_self\" >SU061-23<\/a><\/h4>\n<div class=\"pt-cv-content\">\u00a0 \u00a0 ACCI\u00d3N DE TUTELA CONTRA PROVIDENCIAS JUDICIALES EN PROCESO DE ESTABILIDAD LABORAL REFORZADA POR RAZONES DE SALUD-Desconocimiento del precedente constitucional, defecto sustantivo y violaci\u00f3n directa de la Constituci\u00f3n \u00a0 \u00a0 \u00a0\u00a0 (...) la sentencia de casaci\u00f3n incurri\u00f3 en desconocimiento del precedente, espec\u00edficamente de las sentencias de unificaci\u00f3n SU-049 de 2017 y SU-380 de 2021, al interpretar equivocadamente el art\u00edculo 26 de la Ley 361 de 1997, en contrav\u00eda de lo dispuesto por la Constituci\u00f3n Pol\u00edtica, y negarse a reconocer el derecho fundamental a la estabilidad laboral reforzada por razones de salud, aduciendo que no se demostr\u00f3 que el trabajador ...<br \/><div class=\"pt-cv-rmwrap\"><a href=\"https:\/\/www.dmsjuridica.com\/buscador_20179478954\/corteconstitucionalcronologico202454587\/su061-23\/\" class=\"_self pt-cv-readmore btn btn-success\" target=\"_self\">Ver Sentencia Completa...<\/a><\/div><\/div><\/div><\/div>\n<div class=\"col-md-12 col-sm-12 col-xs-12 pt-cv-content-item pt-cv-1-col\" ><div class='pt-cv-ifield'><a href=\"https:\/\/www.dmsjuridica.com\/buscador_20179478954\/corteconstitucionalcronologico202454587\/su038-23\/\" class=\"_self pt-cv-href-thumbnail pt-cv-thumb-default\" target=\"_self\" ><\/a>\n<div class=\"pt-cv-taxoterm above_title\"><a href='https:\/\/www.dmsjuridica.com\/buscador_20179478954\/corteconstitucionalcronologico202454587\/category\/buscar-en-toda-la-corte\/2023\/sentencias-de-unificacion-2023\/' title='Sentencias de Unificaci\u00f3n 2023' class='pt-cv-tax-sentencias-de-unificacion-2023'>Sentencias de Unificaci\u00f3n 2023<\/a><\/div>\n<h4 class=\"pt-cv-title\"><a href=\"https:\/\/www.dmsjuridica.com\/buscador_20179478954\/corteconstitucionalcronologico202454587\/su038-23\/\" class=\"_self\" target=\"_self\" >SU038-23<\/a><\/h4>\n<div class=\"pt-cv-content\">Expediente T-8.583.668. ACCION DE TUTELA CONTRA PROVIDENCIAS JUDICIALES-Improcedencia por cuanto no se desconoci\u00f3 precedente para dar aplicaci\u00f3n a la condici\u00f3n m\u00e1s beneficiosa en pensi\u00f3n de invalidez (\u2026) el accionante no cumpl\u00eda con las exigencias para que se le aplicara el principio de la condici\u00f3n m\u00e1s beneficiosa. De una parte, no demostr\u00f3 las circunstancias de vulnerabilidad espec\u00edficas que permitieran la aplicaci\u00f3n ultractiva del Acuerdo 049 de 1990 para el reconocimiento de la pensi\u00f3n de invalidez, en los t\u00e9rminos del an\u00e1lisis de fondo adoptado en la Sentencia SU-556 de 2019. El actor tampoco explic\u00f3 con claridad las razones por las cuales no ...<br \/><div class=\"pt-cv-rmwrap\"><a href=\"https:\/\/www.dmsjuridica.com\/buscador_20179478954\/corteconstitucionalcronologico202454587\/su038-23\/\" class=\"_self pt-cv-readmore btn btn-success\" target=\"_self\">Ver Sentencia Completa...<\/a><\/div><\/div><\/div><\/div>\n<div class=\"col-md-12 col-sm-12 col-xs-12 pt-cv-content-item pt-cv-1-col\" ><div class='pt-cv-ifield'><a href=\"https:\/\/www.dmsjuridica.com\/buscador_20179478954\/corteconstitucionalcronologico202454587\/su029-23\/\" class=\"_self pt-cv-href-thumbnail pt-cv-thumb-default\" target=\"_self\" ><\/a>\n<div class=\"pt-cv-taxoterm above_title\"><a href='https:\/\/www.dmsjuridica.com\/buscador_20179478954\/corteconstitucionalcronologico202454587\/category\/buscar-en-toda-la-corte\/2023\/sentencias-de-unificacion-2023\/' title='Sentencias de Unificaci\u00f3n 2023' class='pt-cv-tax-sentencias-de-unificacion-2023'>Sentencias de Unificaci\u00f3n 2023<\/a><\/div>\n<h4 class=\"pt-cv-title\"><a href=\"https:\/\/www.dmsjuridica.com\/buscador_20179478954\/corteconstitucionalcronologico202454587\/su029-23\/\" class=\"_self\" target=\"_self\" >SU029-23<\/a><\/h4>\n<div class=\"pt-cv-content\">\u00a0 \u00a0 ACCI\u00d3N DE TUTELA CONTRA DECISIONES JUDICIALES DE LA JURISDICCI\u00d3N ESPECIAL PARA LA PAZ-Improcedencia del amparo, no se configuran los defectos alegados en relaci\u00f3n con la exigencia de aporte a la verdad plena \u00a0 \u00a0\u00a0 (\u2026) exigir el \u201cpactum veritatis\u201d como requisito para acceder a la sustituci\u00f3n de la medida de detenci\u00f3n preventiva no configura un defecto sustantivo o material o en un defecto procedimental absoluto\u2026 no se configura un defecto procedimental absoluto en las providencias demandadas puesto que el procedimiento utilizado tanto por la Sala de Definici\u00f3n de Situaciones Jur\u00eddicas como por la Secci\u00f3n de Apelaciones es el ...<br \/><div class=\"pt-cv-rmwrap\"><a href=\"https:\/\/www.dmsjuridica.com\/buscador_20179478954\/corteconstitucionalcronologico202454587\/su029-23\/\" class=\"_self pt-cv-readmore btn btn-success\" target=\"_self\">Ver Sentencia Completa...<\/a><\/div><\/div><\/div><\/div>\n<div class=\"col-md-12 col-sm-12 col-xs-12 pt-cv-content-item pt-cv-1-col\" ><div class='pt-cv-ifield'><a href=\"https:\/\/www.dmsjuridica.com\/buscador_20179478954\/corteconstitucionalcronologico202454587\/su022-23\/\" class=\"_self pt-cv-href-thumbnail pt-cv-thumb-default\" target=\"_self\" ><\/a>\n<div class=\"pt-cv-taxoterm above_title\"><a href='https:\/\/www.dmsjuridica.com\/buscador_20179478954\/corteconstitucionalcronologico202454587\/category\/buscar-en-toda-la-corte\/2023\/sentencias-de-unificacion-2023\/' title='Sentencias de Unificaci\u00f3n 2023' class='pt-cv-tax-sentencias-de-unificacion-2023'>Sentencias de Unificaci\u00f3n 2023<\/a><\/div>\n<h4 class=\"pt-cv-title\"><a href=\"https:\/\/www.dmsjuridica.com\/buscador_20179478954\/corteconstitucionalcronologico202454587\/su022-23\/\" class=\"_self\" target=\"_self\" >SU022-23<\/a><\/h4>\n<div class=\"pt-cv-content\">\u00a0 \u00a0 ACCI\u00d3N DE TUTELA CONTRA PROVIDENCIAS JUDICIALES EN PROCESO LABORAL-Acceso a la pensi\u00f3n de jubilaci\u00f3n\u00a0 \u00a0 \u00a0\u00a0 (\u2026), la decisi\u00f3n de la Sala de Descongesti\u00f3n n\u00fam. 1 de la Sala de Casaci\u00f3n Laboral de la Corte Suprema de Justicia desconoci\u00f3 el principio de favorabilidad contenido en el art\u00edculo 53 de la Constituci\u00f3n al interpretar la cl\u00e1usula convencional, por lo que incurri\u00f3 en violaci\u00f3n directa de la Constituci\u00f3n. (\u2026) la sentencia objeto de censura vulner\u00f3 los derechos fundamentales del accionante. Asimismo, en atenci\u00f3n a que dicho principio constitucional ha sido aplicado con anterioridad por la jurisprudencia constitucional para la interpretaci\u00f3n ...<br \/><div class=\"pt-cv-rmwrap\"><a href=\"https:\/\/www.dmsjuridica.com\/buscador_20179478954\/corteconstitucionalcronologico202454587\/su022-23\/\" class=\"_self pt-cv-readmore btn btn-success\" target=\"_self\">Ver Sentencia Completa...<\/a><\/div><\/div><\/div><\/div>\n<div class=\"col-md-12 col-sm-12 col-xs-12 pt-cv-content-item pt-cv-1-col\" ><div class='pt-cv-ifield'><a href=\"https:\/\/www.dmsjuridica.com\/buscador_20179478954\/corteconstitucionalcronologico202454587\/su007-23\/\" class=\"_self pt-cv-href-thumbnail pt-cv-thumb-default\" target=\"_self\" ><\/a>\n<div class=\"pt-cv-taxoterm above_title\"><a href='https:\/\/www.dmsjuridica.com\/buscador_20179478954\/corteconstitucionalcronologico202454587\/category\/buscar-en-toda-la-corte\/2023\/sentencias-de-unificacion-2023\/' title='Sentencias de Unificaci\u00f3n 2023' class='pt-cv-tax-sentencias-de-unificacion-2023'>Sentencias de Unificaci\u00f3n 2023<\/a><\/div>\n<h4 class=\"pt-cv-title\"><a href=\"https:\/\/www.dmsjuridica.com\/buscador_20179478954\/corteconstitucionalcronologico202454587\/su007-23\/\" class=\"_self\" target=\"_self\" >SU007-23<\/a><\/h4>\n<div class=\"pt-cv-content\">\u00a0 \u00a0 ACCION DE TUTELA CONTRA PROVIDENCIAS JUDICIALES-Improcedencia por cuanto no se configuraron los defectos alegados, ni hubo vulneraci\u00f3n de principio de la doble conformidad\u00a0 \u00a0 \u00a0\u00a0 (\u2026), el recurso de impugnaci\u00f3n proced\u00eda solo contra las providencias condenatorias dictadas por primera vez en segunda instancia desde el 30 de enero de 2014, pues, en la Sentencia SU-146 de 2020, la Corte Constitucional declar\u00f3 que es a partir de ese d\u00eda que se adquiere certeza de este derecho fundamental. \u00a0 \u00a0\u00a0 ACCION DE TUTELA CONTRA PROVIDENCIAS JUDICIALES-Requisitos generales y especiales de procedibilidad \u00a0 \u00a0\u00a0 DOBLE CONFORMIDAD JUDICIAL-Garant\u00eda\/DOBLE CONFORMIDAD JUDICIAL-Contenido\/DOBLE CONFORMIDAD JUDICIAL-Alcance ...<br \/><div class=\"pt-cv-rmwrap\"><a href=\"https:\/\/www.dmsjuridica.com\/buscador_20179478954\/corteconstitucionalcronologico202454587\/su007-23\/\" class=\"_self pt-cv-readmore btn btn-success\" target=\"_self\">Ver Sentencia Completa...<\/a><\/div><\/div><\/div><\/div>\n<div class=\"col-md-12 col-sm-12 col-xs-12 pt-cv-content-item pt-cv-1-col\" ><div class='pt-cv-ifield'><a href=\"https:\/\/www.dmsjuridica.com\/buscador_20179478954\/corteconstitucionalcronologico202454587\/su006-23\/\" class=\"_self pt-cv-href-thumbnail pt-cv-thumb-default\" target=\"_self\" ><\/a>\n<div class=\"pt-cv-taxoterm above_title\"><a href='https:\/\/www.dmsjuridica.com\/buscador_20179478954\/corteconstitucionalcronologico202454587\/category\/buscar-en-toda-la-corte\/2023\/sentencias-de-unificacion-2023\/' title='Sentencias de Unificaci\u00f3n 2023' class='pt-cv-tax-sentencias-de-unificacion-2023'>Sentencias de Unificaci\u00f3n 2023<\/a><\/div>\n<h4 class=\"pt-cv-title\"><a href=\"https:\/\/www.dmsjuridica.com\/buscador_20179478954\/corteconstitucionalcronologico202454587\/su006-23\/\" class=\"_self\" target=\"_self\" >SU006-23<\/a><\/h4>\n<div class=\"pt-cv-content\">TEMAS-SUBTEMAS Sentencia SU-006\/23 ACCION DE TUTELA CONTRA PROVIDENCIAS JUDICIALES-Improcedencia por cuanto no se configuraron los defectos alegados, ni hubo vulneraci\u00f3n de principio de la doble conformidad (...) la sentencia condenatoria fue proferida el 2 de diciembre de 2013, es decir, antes de que se habilitara la impugnaci\u00f3n especial como mecanismo para acudir a la doble conformidad; (...), las sentencias cuestionadas en lugar de desconocer el precedente judicial lo han acogido para adoptar sus decisiones, particularmente, al reiterar tanto la jurisprudencia de la Corte Constitucional como de la Corte Suprema de Justicia. ACCION DE TUTELA CONTRA PROVIDENCIAS JUDICIALES-Requisitos generales y especiales ...<br \/><div class=\"pt-cv-rmwrap\"><a href=\"https:\/\/www.dmsjuridica.com\/buscador_20179478954\/corteconstitucionalcronologico202454587\/su006-23\/\" class=\"_self pt-cv-readmore btn btn-success\" target=\"_self\">Ver Sentencia Completa...<\/a><\/div><\/div><\/div><\/div><\/div><\/div><\/div>\n","protected":false},"excerpt":{"rendered":"","protected":false},"author":1,"featured_media":0,"parent":0,"menu_order":0,"comment_status":"closed","ping_status":"closed","template":"","meta":{"footnotes":""},"class_list":["post-29722","page","type-page","status-publish","hentry"],"_links":{"self":[{"href":"https:\/\/www.dmsjuridica.com\/buscador_20179478954\/corteconstitucionalcronologico202454587\/wp-json\/wp\/v2\/pages\/29722","targetHints":{"allow":["GET"]}}],"collection":[{"href":"https:\/\/www.dmsjuridica.com\/buscador_20179478954\/corteconstitucionalcronologico202454587\/wp-json\/wp\/v2\/pages"}],"about":[{"href":"https:\/\/www.dmsjuridica.com\/buscador_20179478954\/corteconstitucionalcronologico202454587\/wp-json\/wp\/v2\/types\/page"}],"author":[{"embeddable":true,"href":"https:\/\/www.dmsjuridica.com\/buscador_20179478954\/corteconstitucionalcronologico202454587\/wp-json\/wp\/v2\/users\/1"}],"replies":[{"embeddable":true,"href":"https:\/\/www.dmsjuridica.com\/buscador_20179478954\/corteconstitucionalcronologico202454587\/wp-json\/wp\/v2\/comments?post=29722"}],"version-history":[{"count":1,"href":"https:\/\/www.dmsjuridica.com\/buscador_20179478954\/corteconstitucionalcronologico202454587\/wp-json\/wp\/v2\/pages\/29722\/revisions"}],"predecessor-version":[{"id":29723,"href":"https:\/\/www.dmsjuridica.com\/buscador_20179478954\/corteconstitucionalcronologico202454587\/wp-json\/wp\/v2\/pages\/29722\/revisions\/29723"}],"wp:attachment":[{"href":"https:\/\/www.dmsjuridica.com\/buscador_20179478954\/corteconstitucionalcronologico202454587\/wp-json\/wp\/v2\/media?parent=29722"}],"curies":[{"name":"wp","href":"https:\/\/api.w.org\/{rel}","templated":true}]}}