{"id":31350,"date":"2025-11-25T11:26:08","date_gmt":"2025-11-25T16:26:08","guid":{"rendered":"https:\/\/www.dmsjuridica.com\/buscador_20179478954\/corteconstitucionalcronologico202454587\/?page_id=31350"},"modified":"2025-11-25T11:26:08","modified_gmt":"2025-11-25T16:26:08","slug":"su-2025","status":"publish","type":"page","link":"https:\/\/www.dmsjuridica.com\/buscador_20179478954\/corteconstitucionalcronologico202454587\/su-2025\/","title":{"rendered":"SU 2025"},"content":{"rendered":"<div class=\"pt-cv-wrapper\"><div class=\"pt-cv-view pt-cv-grid pt-cv-colsys\" id=\"pt-cv-view-c164b0bqu2\"><div data-id=\"pt-cv-page-1\" class=\"pt-cv-page\" data-cvc=\"1\"><div class=\"col-md-12 col-sm-12 col-xs-12 pt-cv-content-item pt-cv-1-col\" ><div class='pt-cv-ifield'><div class=\"pt-cv-taxoterm above_title\"><a href='https:\/\/www.dmsjuridica.com\/buscador_20179478954\/corteconstitucionalcronologico202454587\/category\/buscar-en-toda-la-corte\/2025\/sentencias-de-unificacion-2025\/' title='Sentencias de Unificaci\u00f3n 2025' class='pt-cv-tax-sentencias-de-unificacion-2025'>Sentencias de Unificaci\u00f3n 2025<\/a><\/div>\n<h4 class=\"pt-cv-title\"><a href=\"https:\/\/www.dmsjuridica.com\/buscador_20179478954\/corteconstitucionalcronologico202454587\/su-367-25\/\" class=\"_self\" target=\"_self\" >SU-367-25<\/a><\/h4>\n<div class=\"pt-cv-content\">REP\u00daBLICA DE COLOMBIA A red circle with a red and blue emblem Description automatically generated CORTE CONSTITUCIONAL \u2013Sala Plena\u2013 Sentencia SU-367 de 2025 Referencia: expedientes T-10.131.749 y T-10.152.844 (AC) Asunto: revisi\u00f3n de los fallos de tutela proferidos dentro de los procesos promovidos por (i) Alberto, como agente oficioso de Bernardo contra la Comisar\u00eda de Familia de Verde y otros; y (ii) Cuidar EPS, como agente oficioso de quince (15) personas, contra la Secretar\u00eda Distrital de Salud de Rojo y otros Magistrado ponente: Miguel Polo Rosero[1] Bogot\u00e1, D. C., tres (03) de septiembre de dos mil veinticinco (2025) La Sala Plena ...<br \/><div class=\"pt-cv-rmwrap\"><a href=\"https:\/\/www.dmsjuridica.com\/buscador_20179478954\/corteconstitucionalcronologico202454587\/su-367-25\/\" class=\"_self pt-cv-readmore btn btn-success\" target=\"_self\">Ver Sentencia Completa...<\/a><\/div><\/div><\/div><\/div>\n<div class=\"col-md-12 col-sm-12 col-xs-12 pt-cv-content-item pt-cv-1-col\" ><div class='pt-cv-ifield'><div class=\"pt-cv-taxoterm above_title\"><a href='https:\/\/www.dmsjuridica.com\/buscador_20179478954\/corteconstitucionalcronologico202454587\/category\/buscar-en-toda-la-corte\/2025\/sentencias-de-unificacion-2025\/' title='Sentencias de Unificaci\u00f3n 2025' class='pt-cv-tax-sentencias-de-unificacion-2025'>Sentencias de Unificaci\u00f3n 2025<\/a><\/div>\n<h4 class=\"pt-cv-title\"><a href=\"https:\/\/www.dmsjuridica.com\/buscador_20179478954\/corteconstitucionalcronologico202454587\/su-328-25\/\" class=\"_self\" target=\"_self\" >SU-328-25<\/a><\/h4>\n<div class=\"pt-cv-content\">REP\u00daBLICA DE COLOMBIA CORTE CONSTITUCIONAL SENTENCIA SU-328 DE 2025 Referencia: expediente T- 10.722.117. Asunto: Acci\u00f3n de tutela presentada por el se\u00f1or Juan Pablo Barrientos en contra del presidente de la Corte Suprema de Justicia. Magistrada sustanciadora: Natalia \u00c1ngel Cabo. Bogot\u00e1, D.C., treinta y uno (31) de julio de dos mil veinticinco (2025). La Sala Plena de la Corte Constitucional, en ejercicio de sus competencias constitucionales y legales, profiere la siguiente: SENTENCIA. Esta providencia se dicta en el proceso de revisi\u00f3n de los fallos proferidos en primera y segunda instancia por la Sala de Decisi\u00f3n de Tutelas No. 3 de la ...<br \/><div class=\"pt-cv-rmwrap\"><a href=\"https:\/\/www.dmsjuridica.com\/buscador_20179478954\/corteconstitucionalcronologico202454587\/su-328-25\/\" class=\"_self pt-cv-readmore btn btn-success\" target=\"_self\">Ver Sentencia Completa...<\/a><\/div><\/div><\/div><\/div>\n<div class=\"col-md-12 col-sm-12 col-xs-12 pt-cv-content-item pt-cv-1-col\" ><div class='pt-cv-ifield'><div class=\"pt-cv-taxoterm above_title\"><a href='https:\/\/www.dmsjuridica.com\/buscador_20179478954\/corteconstitucionalcronologico202454587\/category\/buscar-en-toda-la-corte\/2025\/sentencias-de-unificacion-2025\/' title='Sentencias de Unificaci\u00f3n 2025' class='pt-cv-tax-sentencias-de-unificacion-2025'>Sentencias de Unificaci\u00f3n 2025<\/a><\/div>\n<h4 class=\"pt-cv-title\"><a href=\"https:\/\/www.dmsjuridica.com\/buscador_20179478954\/corteconstitucionalcronologico202454587\/su-315-25\/\" class=\"_self\" target=\"_self\" >SU-315-25<\/a><\/h4>\n<div class=\"pt-cv-content\">REP\u00daBLICA DE COLOMBIA Logotipo El contenido generado por IA puede ser incorrecto. CORTE CONSTITUCIONAL Sala Plena SENTENCIA SU-315 DE 2025 Expediente: T-10.785.266 Asunto: Acci\u00f3n de tutela interpuesta por Juan, Lucia, Sof\u00eda, Elena y Pedro en contra de la Sala Penal del Tribunal Superior del Distrito Judicial de Pereira. Magistrada ponente: Paola Andrea Meneses Mosquera Bogot\u00e1, D.C., veinticuatro (24) de julio de dos mil veinticinco (2025) La Sala Plena de la Corte Constitucional, en ejercicio de sus competencias constitucionales y legales, dicta la siguiente SENTENCIA[1] S\u00edntesis de la decisi\u00f3n Hechos. El 7 de julio de 2011, el Juzgado 002 Penal del ...<br \/><div class=\"pt-cv-rmwrap\"><a href=\"https:\/\/www.dmsjuridica.com\/buscador_20179478954\/corteconstitucionalcronologico202454587\/su-315-25\/\" class=\"_self pt-cv-readmore btn btn-success\" target=\"_self\">Ver Sentencia Completa...<\/a><\/div><\/div><\/div><\/div>\n<div class=\"col-md-12 col-sm-12 col-xs-12 pt-cv-content-item pt-cv-1-col\" ><div class='pt-cv-ifield'><div class=\"pt-cv-taxoterm above_title\"><a href='https:\/\/www.dmsjuridica.com\/buscador_20179478954\/corteconstitucionalcronologico202454587\/category\/buscar-en-toda-la-corte\/2025\/sentencias-de-unificacion-2025\/' title='Sentencias de Unificaci\u00f3n 2025' class='pt-cv-tax-sentencias-de-unificacion-2025'>Sentencias de Unificaci\u00f3n 2025<\/a><\/div>\n<h4 class=\"pt-cv-title\"><a href=\"https:\/\/www.dmsjuridica.com\/buscador_20179478954\/corteconstitucionalcronologico202454587\/su-297-25\/\" class=\"_self\" target=\"_self\" >SU-297-25<\/a><\/h4>\n<div class=\"pt-cv-content\">REP\u00daBLICA DE COLOMBIA Logotipo Descripci\u00f3n generada autom\u00e1ticamente CORTE CONSTITUCIONAL Sala Plena SENTENCIA SU-297 de 2025 Referencia: Expedientes T-8.740.768 y T-8.857.733 AC Exp. T-8.740.768. Acci\u00f3n de tutela presentada por la se\u00f1ora Ana, actuando como representante legal de su hija, la ni\u00f1a Iris, en contra de la EPS-I y del Resguardo Ind\u00edgena Blanco. Exp. T-8.857.733. Acci\u00f3n de tutela presentada por Emma en contra de la EPS-I, el Cabildo Ind\u00edgena Azul y la IPS-I. Magistrado ponente: JOS\u00c9 FERNANDO REYES CUARTAS Bogot\u00e1, D. C., tres (3) de julio de dos mil veinticinco (2025). La Sala Plena de la Corte Constitucional, en ejercicio de sus ...<br \/><div class=\"pt-cv-rmwrap\"><a href=\"https:\/\/www.dmsjuridica.com\/buscador_20179478954\/corteconstitucionalcronologico202454587\/su-297-25\/\" class=\"_self pt-cv-readmore btn btn-success\" target=\"_self\">Ver Sentencia Completa...<\/a><\/div><\/div><\/div><\/div>\n<div class=\"col-md-12 col-sm-12 col-xs-12 pt-cv-content-item pt-cv-1-col\" ><div class='pt-cv-ifield'><div class=\"pt-cv-taxoterm above_title\"><a href='https:\/\/www.dmsjuridica.com\/buscador_20179478954\/corteconstitucionalcronologico202454587\/category\/buscar-en-toda-la-corte\/2025\/sentencias-de-unificacion-2025\/' title='Sentencias de Unificaci\u00f3n 2025' class='pt-cv-tax-sentencias-de-unificacion-2025'>Sentencias de Unificaci\u00f3n 2025<\/a><\/div>\n<h4 class=\"pt-cv-title\"><a href=\"https:\/\/www.dmsjuridica.com\/buscador_20179478954\/corteconstitucionalcronologico202454587\/su-292-25\/\" class=\"_self\" target=\"_self\" >SU-292-25<\/a><\/h4>\n<div class=\"pt-cv-content\">REP\u00daBLICA DE COLOMBIA CORTE CONSTITUCIONAL SENTENCIA SU- 292 DE 2025 Referencia: Expediente T-10.622.251 Acci\u00f3n de tutela presentada por Jefferson Leonardo Caro Casas en contra de la Secci\u00f3n Primera de la Sala de lo Contencioso Administrativo del Consejo de Estado. Magistrada Ponente (e): CAROLINA RAM\u00cdREZ P\u00c9REZ Bogot\u00e1, D. C., dos (02) de julio de dos mil veinticinco (2025) La Sala Plena de la Corte Constitucional, en ejercicio de sus competencias constitucionales y legales, espec\u00edficamente las previstas en los art\u00edculos 86 y 241.9 de la Constituci\u00f3n Pol\u00edtica y en los art\u00edculos 33 y siguientes del Decreto 2591 de 1991, ha proferido la ...<br \/><div class=\"pt-cv-rmwrap\"><a href=\"https:\/\/www.dmsjuridica.com\/buscador_20179478954\/corteconstitucionalcronologico202454587\/su-292-25\/\" class=\"_self pt-cv-readmore btn btn-success\" target=\"_self\">Ver Sentencia Completa...<\/a><\/div><\/div><\/div><\/div>\n<div class=\"col-md-12 col-sm-12 col-xs-12 pt-cv-content-item pt-cv-1-col\" ><div class='pt-cv-ifield'><div class=\"pt-cv-taxoterm above_title\"><a href='https:\/\/www.dmsjuridica.com\/buscador_20179478954\/corteconstitucionalcronologico202454587\/category\/buscar-en-toda-la-corte\/2025\/sentencias-de-unificacion-2025\/' title='Sentencias de Unificaci\u00f3n 2025' class='pt-cv-tax-sentencias-de-unificacion-2025'>Sentencias de Unificaci\u00f3n 2025<\/a><\/div>\n<h4 class=\"pt-cv-title\"><a href=\"https:\/\/www.dmsjuridica.com\/buscador_20179478954\/corteconstitucionalcronologico202454587\/su-277-25\/\" class=\"_self\" target=\"_self\" >SU-277-25<\/a><\/h4>\n<div class=\"pt-cv-content\">TEMAS-SUBTEMAS Sentencia SU-277\/25 TUTELA CONTRA INTERVENCI\u00d3N FORZOSA ADMINISTRATIVA DE ENTIDAD PROMOTORA DE SALUD-Vulneraci\u00f3n del debido proceso por defecto sustantivo al desconocer el precedente constitucional La Superintendencia Nacional de Salud vulner\u00f3 el derecho fundamental al debido proceso de los accionantes y de la EPS ..., pues omiti\u00f3 considerar un asunto determinante y de car\u00e1cter constitucional para fundamentar el acto de toma de posesi\u00f3n y adoptar las medidas administrativas correspondientes. ACCION DE TUTELA INTERPUESTA POR PERSONA JURIDICA-Actuaci\u00f3n por medio de su representante legal, a trav\u00e9s de apoderado judicial y extraordinariamente, en virtud de una agencia oficiosa LEGITIMACION EN LA CAUSA POR ACTIVA ...<br \/><div class=\"pt-cv-rmwrap\"><a href=\"https:\/\/www.dmsjuridica.com\/buscador_20179478954\/corteconstitucionalcronologico202454587\/su-277-25\/\" class=\"_self pt-cv-readmore btn btn-success\" target=\"_self\">Ver Sentencia Completa...<\/a><\/div><\/div><\/div><\/div>\n<div class=\"col-md-12 col-sm-12 col-xs-12 pt-cv-content-item pt-cv-1-col\" ><div class='pt-cv-ifield'><div class=\"pt-cv-taxoterm above_title\"><a href='https:\/\/www.dmsjuridica.com\/buscador_20179478954\/corteconstitucionalcronologico202454587\/category\/buscar-en-toda-la-corte\/2025\/sentencias-de-unificacion-2025\/' title='Sentencias de Unificaci\u00f3n 2025' class='pt-cv-tax-sentencias-de-unificacion-2025'>Sentencias de Unificaci\u00f3n 2025<\/a><\/div>\n<h4 class=\"pt-cv-title\"><a href=\"https:\/\/www.dmsjuridica.com\/buscador_20179478954\/corteconstitucionalcronologico202454587\/su315-25\/\" class=\"_self\" target=\"_self\" >SU315-25<\/a><\/h4>\n<div class=\"pt-cv-content\">\u00a0 SU315-25\u00a0 \u00a0 \u00a0 \u00a0 REP\u00daBLICA \u00a0DE COLOMBIA \u00a0 \u00a0 \u00a0 \u00a0 CORTE \u00a0CONSTITUCIONAL \u00a0 \u00a0 Sala Plena \u00a0 \u00a0 \u00a0 \u00a0 \u00a0 SENTENCIA SU-315 DE \u00a02025 \u00a0 \u00a0 \u00a0 \u00a0 \u00a0 Expediente: T-10.785.266 \u00a0 \u00a0 \u00a0 \u00a0 \u00a0 Asunto: \u00a0Acci\u00f3n de tutela interpuesta por Juan, Lucia, \u00a0Sof\u00eda, Elena y Pedro en contra de la Sala Penal del \u00a0Tribunal Superior del Distrito Judicial de Pereira. \u00a0 \u00a0 \u00a0 \u00a0 \u00a0 Magistrada ponente: \u00a0 \u00a0 Paola Andrea Meneses Mosquera \u00a0 \u00a0 \u00a0 \u00a0 \u00a0 Bogot\u00e1, D.C., veinticuatro (24) de julio \u00a0de dos mil veinticinco (2025) \u00a0 \u00a0 \u00a0 \u00a0 \u00a0 La ...<br \/><div class=\"pt-cv-rmwrap\"><a href=\"https:\/\/www.dmsjuridica.com\/buscador_20179478954\/corteconstitucionalcronologico202454587\/su315-25\/\" class=\"_self pt-cv-readmore btn btn-success\" target=\"_self\">Ver Sentencia Completa...<\/a><\/div><\/div><\/div><\/div>\n<div class=\"col-md-12 col-sm-12 col-xs-12 pt-cv-content-item pt-cv-1-col\" ><div class='pt-cv-ifield'><div class=\"pt-cv-taxoterm above_title\"><a href='https:\/\/www.dmsjuridica.com\/buscador_20179478954\/corteconstitucionalcronologico202454587\/category\/buscar-en-toda-la-corte\/2025\/sentencias-de-unificacion-2025\/' title='Sentencias de Unificaci\u00f3n 2025' class='pt-cv-tax-sentencias-de-unificacion-2025'>Sentencias de Unificaci\u00f3n 2025<\/a><\/div>\n<h4 class=\"pt-cv-title\"><a href=\"https:\/\/www.dmsjuridica.com\/buscador_20179478954\/corteconstitucionalcronologico202454587\/su292-25\/\" class=\"_self\" target=\"_self\" >SU292-25<\/a><\/h4>\n<div class=\"pt-cv-content\">\u00a0 SU292-25\u00a0 REP\u00daBLICA DE COLOMBIA \u00a0 \u00a0 \u00a0 \u00a0 \u00a0CORTE CONSTITUCIONAL \u00a0 \u00a0 \u00a0 \u00a0 \u00a0 \u00a0\u00a0 SENTENCIA \u00a0SU- 292 DE 2025 \u00a0 \u00a0 \u00a0 \u00a0 \u00a0 Referencia: \u00a0Expediente T-10.622.251 \u00a0 \u00a0 \u00a0 \u00a0 \u00a0 Acci\u00f3n de tutela presentada por Jefferson Leonardo \u00a0Caro Casas en contra de la Secci\u00f3n Primera de la Sala de lo Contencioso \u00a0Administrativo del Consejo de Estado. \u00a0 \u00a0 \u00a0 \u00a0 \u00a0 Magistrada Ponente \u00a0(e): \u00a0 \u00a0 \u00a0\u00a0\u00a0\u00a0\u00a0\u00a0\u00a0\u00a0\u00a0 \u00a0\u00a0\u00a0 \u00a0CAROLINA RAM\u00cdREZ P\u00c9REZ \u00a0 \u00a0 \u00a0 \u00a0 \u00a0 Bogot\u00e1, D. C., dos (02) de julio \u00a0de dos mil veinticinco (2025) \u00a0 \u00a0 \u00a0 \u00a0 \u00a0 La Sala ...<br \/><div class=\"pt-cv-rmwrap\"><a href=\"https:\/\/www.dmsjuridica.com\/buscador_20179478954\/corteconstitucionalcronologico202454587\/su292-25\/\" class=\"_self pt-cv-readmore btn btn-success\" target=\"_self\">Ver Sentencia Completa...<\/a><\/div><\/div><\/div><\/div>\n<div class=\"col-md-12 col-sm-12 col-xs-12 pt-cv-content-item pt-cv-1-col\" ><div class='pt-cv-ifield'><div class=\"pt-cv-taxoterm above_title\"><a href='https:\/\/www.dmsjuridica.com\/buscador_20179478954\/corteconstitucionalcronologico202454587\/category\/buscar-en-toda-la-corte\/2025\/sentencias-de-unificacion-2025\/' title='Sentencias de Unificaci\u00f3n 2025' class='pt-cv-tax-sentencias-de-unificacion-2025'>Sentencias de Unificaci\u00f3n 2025<\/a><\/div>\n<h4 class=\"pt-cv-title\"><a href=\"https:\/\/www.dmsjuridica.com\/buscador_20179478954\/corteconstitucionalcronologico202454587\/su277-25\/\" class=\"_self\" target=\"_self\" >SU277-25<\/a><\/h4>\n<div class=\"pt-cv-content\">\u00a0 SU277-25\u00a0 \u00a0 \u00a0 \u00a0 \u00a0 \u00a0 \u00a0 TEMAS-SUBTEMAS \u00a0 \u00a0 \u00a0 \u00a0 \u00a0 Sentencia \u00a0SU-277\/25 \u00a0 \u00a0 \u00a0 \u00a0 \u00a0 TUTELA CONTRA \u00a0INTERVENCI\u00d3N FORZOSA ADMINISTRATIVA DE ENTIDAD PROMOTORA DE SALUD-Vulneraci\u00f3n del \u00a0debido proceso por defecto sustantivo al desconocer el precedente \u00a0constitucional \u00a0 \u00a0 \u00a0 \u00a0 \u00a0 La \u00a0Superintendencia Nacional de Salud vulner\u00f3 el derecho fundamental al debido \u00a0proceso de los accionantes y de la EPS ..., pues omiti\u00f3 considerar un asunto \u00a0determinante y de car\u00e1cter constitucional para fundamentar el acto de toma de \u00a0posesi\u00f3n y adoptar las medidas administrativas correspondientes. \u00a0 \u00a0 \u00a0 \u00a0 \u00a0 ACCION DE TUTELA \u00a0INTERPUESTA ...<br \/><div class=\"pt-cv-rmwrap\"><a href=\"https:\/\/www.dmsjuridica.com\/buscador_20179478954\/corteconstitucionalcronologico202454587\/su277-25\/\" class=\"_self pt-cv-readmore btn btn-success\" target=\"_self\">Ver Sentencia Completa...<\/a><\/div><\/div><\/div><\/div>\n<div class=\"col-md-12 col-sm-12 col-xs-12 pt-cv-content-item pt-cv-1-col\" ><div class='pt-cv-ifield'><div class=\"pt-cv-taxoterm above_title\"><a href='https:\/\/www.dmsjuridica.com\/buscador_20179478954\/corteconstitucionalcronologico202454587\/category\/buscar-en-toda-la-corte\/2025\/sentencias-de-unificacion-2025\/' title='Sentencias de Unificaci\u00f3n 2025' class='pt-cv-tax-sentencias-de-unificacion-2025'>Sentencias de Unificaci\u00f3n 2025<\/a><\/div>\n<h4 class=\"pt-cv-title\"><a href=\"https:\/\/www.dmsjuridica.com\/buscador_20179478954\/corteconstitucionalcronologico202454587\/su274-25\/\" class=\"_self\" target=\"_self\" >SU274-25<\/a><\/h4>\n<div class=\"pt-cv-content\">\u00a0 SU274-25\u00a0 \u00a0 \u00a0 \u00a0 \u00a0 \u00a0 \u00a0 TEMAS-SUBTEMAS \u00a0 \u00a0 \u00a0 \u00a0 \u00a0 \u00a0 \u00a0 \u00a0 DERECHOS A LA \u00a0VIDA, LA SEGURIDAD E INTEGRIDAD PERSONAL Y EL DEBIDO PROCESO ADMINISTRATIVO-Unidad de \u00a0Investigaci\u00f3n y Acusaci\u00f3n de la Jurisdicci\u00f3n Especial de Paz JEP debe valorar \u00a0adecuadamente el nivel de riesgo y adoptar medidas de protecci\u00f3n \u00a0 \u00a0 \u00a0 \u00a0 \u00a0 PRINCIPIO DE \u00a0OFICIOSIDAD E INFORMALIDAD-Juez de tutela tiene la obligaci\u00f3n de tomar medidas \u00a0necesarias para proteger derechos fundamentales \u00a0 \u00a0 \u00a0 \u00a0 \u00a0 DERECHOS A LA \u00a0VIDA, INTEGRIDAD Y SEGURIDAD PERSONAL-Procedencia de la acci\u00f3n de tutela cuando \u00a0las circunstancias de cada ...<br \/><div class=\"pt-cv-rmwrap\"><a href=\"https:\/\/www.dmsjuridica.com\/buscador_20179478954\/corteconstitucionalcronologico202454587\/su274-25\/\" class=\"_self pt-cv-readmore btn btn-success\" target=\"_self\">Ver Sentencia Completa...<\/a><\/div><\/div><\/div><\/div>\n<div class=\"col-md-12 col-sm-12 col-xs-12 pt-cv-content-item pt-cv-1-col\" ><div class='pt-cv-ifield'><div class=\"pt-cv-taxoterm above_title\"><a href='https:\/\/www.dmsjuridica.com\/buscador_20179478954\/corteconstitucionalcronologico202454587\/category\/buscar-en-toda-la-corte\/2025\/sentencias-de-unificacion-2025\/' title='Sentencias de Unificaci\u00f3n 2025' class='pt-cv-tax-sentencias-de-unificacion-2025'>Sentencias de Unificaci\u00f3n 2025<\/a><\/div>\n<h4 class=\"pt-cv-title\"><a href=\"https:\/\/www.dmsjuridica.com\/buscador_20179478954\/corteconstitucionalcronologico202454587\/su245-25\/\" class=\"_self\" target=\"_self\" >SU245-25<\/a><\/h4>\n<div class=\"pt-cv-content\">\u00a0 SU245-25\u00a0 REP\u00daBLICA DE COLOMBIA \u00a0 \u00a0 \u00a0 \u00a0 CORTE CONSTITUCIONAL \u00a0 \u00a0 \u00a0 \u00a0 \u00a0 SALA PLENA \u00a0 \u00a0 \u00a0 \u00a0 \u00a0 SENTENCIA SU-245 DE 2025 \u00a0 \u00a0 \u00a0 \u00a0 \u00a0 Expediente: T-10.693.175 \u00a0 \u00a0 \u00a0 \u00a0 \u00a0 Asunto: Acci\u00f3n de tutela presentada por el se\u00f1or Jorge Dilson Murcia Olaya en contra \u00a0de la Secci\u00f3n Quinta del Consejo de Estado \u00a0 \u00a0 \u00a0 \u00a0 \u00a0 Tema: Doble militancia en la modalidad de directivo \u00a0 \u00a0 \u00a0 \u00a0 \u00a0 Magistrado ponente: Jorge Enrique Ib\u00e1\u00f1ez Najar \u00a0 \u00a0 \u00a0 \u00a0 \u00a0 \u00a0 \u00a0 \u00a0 Bogot\u00e1 D.C., once (11) de junio de ...<br \/><div class=\"pt-cv-rmwrap\"><a href=\"https:\/\/www.dmsjuridica.com\/buscador_20179478954\/corteconstitucionalcronologico202454587\/su245-25\/\" class=\"_self pt-cv-readmore btn btn-success\" target=\"_self\">Ver Sentencia Completa...<\/a><\/div><\/div><\/div><\/div>\n<div class=\"col-md-12 col-sm-12 col-xs-12 pt-cv-content-item pt-cv-1-col\" ><div class='pt-cv-ifield'><div class=\"pt-cv-taxoterm above_title\"><a href='https:\/\/www.dmsjuridica.com\/buscador_20179478954\/corteconstitucionalcronologico202454587\/category\/buscar-en-toda-la-corte\/2025\/sentencias-de-unificacion-2025\/' title='Sentencias de Unificaci\u00f3n 2025' class='pt-cv-tax-sentencias-de-unificacion-2025'>Sentencias de Unificaci\u00f3n 2025<\/a><\/div>\n<h4 class=\"pt-cv-title\"><a href=\"https:\/\/www.dmsjuridica.com\/buscador_20179478954\/corteconstitucionalcronologico202454587\/su205-25\/\" class=\"_self\" target=\"_self\" >SU205-25<\/a><\/h4>\n<div class=\"pt-cv-content\">\u00a0 SU205-25\u00a0 TEMAS-SUBTEMAS \u00a0 \u00a0 \u00a0 \u00a0 \u00a0 Sentencia SU-205\/25 \u00a0 \u00a0 \u00a0 \u00a0 \u00a0 \u00a0 \u00a0 \u00a0 REFERENDO \u00a0TERRITORIAL DEROGATORIO-Jurisprudencia constitucional \u00a0 \u00a0 \u00a0 \u00a0 \u00a0 \u00a0 \u00a0 \u00a0 ACCI\u00d3N DE TUTELA CONTRA PROVIDENCIAS JUDICIALES-Requisitos \u00a0generales de procedibilidad \u00a0 \u00a0 \u00a0 \u00a0 \u00a0 RELEVANCIA CONSTITUCIONAL COMO REQUISITO DE PROCEDENCIA \u00a0DE LA ACCION DE TUTELA-Reiteraci\u00f3n de jurisprudencia \u00a0 \u00a0 \u00a0 \u00a0 \u00a0 ACCI\u00d3N DE TUTELA CONTRA PROVIDENCIAS \u00a0JUDICIALES-Requisitos espec\u00edficos de procedibilidad \u00a0 \u00a0 \u00a0 \u00a0 \u00a0 DEMOCRACIA \u00a0PARTICIPATIVA Y SOBERANIA POPULAR-Ejes \u00a0definitorios de la Constituci\u00f3n \u00a0 \u00a0 \u00a0 \u00a0 \u00a0 DEMOCRACIA PARTICIPATIVA-Profundizaci\u00f3n \u00a0 \u00a0 \u00a0 \u00a0 \u00a0 DEMOCRACIA REPRESENTATIVA Y ...<br \/><div class=\"pt-cv-rmwrap\"><a href=\"https:\/\/www.dmsjuridica.com\/buscador_20179478954\/corteconstitucionalcronologico202454587\/su205-25\/\" class=\"_self pt-cv-readmore btn btn-success\" target=\"_self\">Ver Sentencia Completa...<\/a><\/div><\/div><\/div><\/div>\n<div class=\"col-md-12 col-sm-12 col-xs-12 pt-cv-content-item pt-cv-1-col\" ><div class='pt-cv-ifield'><div class=\"pt-cv-taxoterm above_title\"><a href='https:\/\/www.dmsjuridica.com\/buscador_20179478954\/corteconstitucionalcronologico202454587\/category\/buscar-en-toda-la-corte\/2025\/sentencias-de-unificacion-2025\/' title='Sentencias de Unificaci\u00f3n 2025' class='pt-cv-tax-sentencias-de-unificacion-2025'>Sentencias de Unificaci\u00f3n 2025<\/a><\/div>\n<h4 class=\"pt-cv-title\"><a href=\"https:\/\/www.dmsjuridica.com\/buscador_20179478954\/corteconstitucionalcronologico202454587\/su204-25\/\" class=\"_self\" target=\"_self\" >SU204-25<\/a><\/h4>\n<div class=\"pt-cv-content\">\u00a0 SU204-25\u00a0 \u00a0 \u00a0 \u00a0 \u00a0 \u00a0 \u00a0 TEMAS-SUBTEMAS \u00a0 \u00a0 \u00a0 \u00a0 \u00a0 Sentencia \u00a0SU-204\/25 \u00a0 \u00a0 \u00a0 \u00a0 \u00a0 ACCI\u00d3N DE TUTELA \u00a0CONTRA PROVIDENCIAS JUDICIALES-Procedencia por defecto procedimental por \u00a0exceso ritual manifiesto y f\u00e1ctico por cuanto no se decret\u00f3 prueba de oficio en \u00a0proceso de reparaci\u00f3n directa\/PROCESO DE REPARACI\u00d3N DIRECTA POR GRAVES \u00a0VIOLACIONES DE DERECHOS HUMANOS-Flexibilizaci\u00f3n de reglas probatorias a \u00a0sujetos de especial protecci\u00f3n constitucional \u00a0 \u00a0 \u00a0 \u00a0 \u00a0 ACCION DE TUTELA \u00a0CONTRA SENTENCIAS DE ALTAS CORTES-Requisitos generales de procedencia \u00a0requiere argumentaci\u00f3n y an\u00e1lisis m\u00e1s riguroso \u00a0 \u00a0 \u00a0 \u00a0 \u00a0 ACCI\u00d3N DE TUTELA \u00a0CONTRA PROVIDENCIAS JUDICIALES-Relevancia ...<br \/><div class=\"pt-cv-rmwrap\"><a href=\"https:\/\/www.dmsjuridica.com\/buscador_20179478954\/corteconstitucionalcronologico202454587\/su204-25\/\" class=\"_self pt-cv-readmore btn btn-success\" target=\"_self\">Ver Sentencia Completa...<\/a><\/div><\/div><\/div><\/div>\n<div class=\"col-md-12 col-sm-12 col-xs-12 pt-cv-content-item pt-cv-1-col\" ><div class='pt-cv-ifield'><div class=\"pt-cv-taxoterm above_title\"><a href='https:\/\/www.dmsjuridica.com\/buscador_20179478954\/corteconstitucionalcronologico202454587\/category\/buscar-en-toda-la-corte\/2025\/sentencias-de-unificacion-2025\/' title='Sentencias de Unificaci\u00f3n 2025' class='pt-cv-tax-sentencias-de-unificacion-2025'>Sentencias de Unificaci\u00f3n 2025<\/a><\/div>\n<h4 class=\"pt-cv-title\"><a href=\"https:\/\/www.dmsjuridica.com\/buscador_20179478954\/corteconstitucionalcronologico202454587\/su191-25\/\" class=\"_self\" target=\"_self\" >SU191-25<\/a><\/h4>\n<div class=\"pt-cv-content\">\u00a0 SU191-25\u00a0 REP\u00daBLICA DE COLOMBIA \u00a0 \u00a0 \u00a0 \u00a0 CORTE CONSTITUCIONAL \u00a0 \u00a0 Sala Plena \u00a0 \u00a0 \u00a0 \u00a0 \u00a0 SENTENCIA SU-191 de 2025 \u00a0 \u00a0 \u00a0 \u00a0 \u00a0 Referencia: Expediente T-8.101.824 \u00a0 \u00a0 \u00a0 \u00a0 \u00a0 \u00a0 \u00a0 \u00a0 Magistradas ponentes: \u00a0 \u00a0 Paola Andrea Meneses \u00a0Mosquera \u00a0 \u00a0 Carolina Ram\u00edrez P\u00e9rez \u00a0(e) \u00a0 \u00a0 \u00a0 \u00a0 \u00a0 \u00a0 \u00a0 \u00a0 Bogot\u00e1 D.C., veintiuno (21) de mayo \u00a0de dos mil veinticinco (2025) \u00a0 \u00a0 \u00a0 \u00a0 \u00a0 La Sala Plena de la Corte \u00a0Constitucional, en ejercicio de sus competencias constitucionales y legales, en \u00a0particular de aquellas previstas en los ...<br \/><div class=\"pt-cv-rmwrap\"><a href=\"https:\/\/www.dmsjuridica.com\/buscador_20179478954\/corteconstitucionalcronologico202454587\/su191-25\/\" class=\"_self pt-cv-readmore btn btn-success\" target=\"_self\">Ver Sentencia Completa...<\/a><\/div><\/div><\/div><\/div>\n<div class=\"col-md-12 col-sm-12 col-xs-12 pt-cv-content-item pt-cv-1-col\" ><div class='pt-cv-ifield'><div class=\"pt-cv-taxoterm above_title\"><a href='https:\/\/www.dmsjuridica.com\/buscador_20179478954\/corteconstitucionalcronologico202454587\/category\/buscar-en-toda-la-corte\/2025\/sentencias-de-unificacion-2025\/' title='Sentencias de Unificaci\u00f3n 2025' class='pt-cv-tax-sentencias-de-unificacion-2025'>Sentencias de Unificaci\u00f3n 2025<\/a><\/div>\n<h4 class=\"pt-cv-title\"><a href=\"https:\/\/www.dmsjuridica.com\/buscador_20179478954\/corteconstitucionalcronologico202454587\/su176-25\/\" class=\"_self\" target=\"_self\" >SU176-25<\/a><\/h4>\n<div class=\"pt-cv-content\">\u00a0 SU176-25\u00a0 TEMAS-SUBTEMAS \u00a0 \u00a0 \u00a0 \u00a0 \u00a0 Sentencia SU-176\/25 \u00a0 \u00a0 \u00a0 \u00a0 \u00a0 \u00a0 \u00a0 \u00a0 DERECHO A UNA VIDA LIBRE \u00a0DE VIOLENCIA Y ACCESO A LA ADMINISTRACI\u00d3N DE JUSTICIA-Contexto de la mujer ind\u00edgena\/ENFOQUE DE INTERSECCIONALIDAD-Aplicaci\u00f3n \u00a0 \u00a0 \u00a0 \u00a0 \u00a0 PRINCIPIO IURA NOVIT \u00a0CURIA-La acci\u00f3n de tutela \u00a0debe ser entendida de conformidad con este principio\/JUEZ DE TUTELA-Facultad \u00a0de fallar extra y ultra petita \u00a0 \u00a0 \u00a0 \u00a0 \u00a0 PRINCIPIO DE OFICIOSIDAD \u00a0E INFORMALIDAD-Juez de \u00a0tutela tiene la obligaci\u00f3n de tomar medidas necesarias para proteger derechos \u00a0fundamentales \u00a0 \u00a0 \u00a0 \u00a0 \u00a0 CARENCIA ACTUAL DE \u00a0OBJETO POR DA\u00d1O ...<br \/><div class=\"pt-cv-rmwrap\"><a href=\"https:\/\/www.dmsjuridica.com\/buscador_20179478954\/corteconstitucionalcronologico202454587\/su176-25\/\" class=\"_self pt-cv-readmore btn btn-success\" target=\"_self\">Ver Sentencia Completa...<\/a><\/div><\/div><\/div><\/div>\n<div class=\"col-md-12 col-sm-12 col-xs-12 pt-cv-content-item pt-cv-1-col\" ><div class='pt-cv-ifield'><div class=\"pt-cv-taxoterm above_title\"><a href='https:\/\/www.dmsjuridica.com\/buscador_20179478954\/corteconstitucionalcronologico202454587\/category\/buscar-en-toda-la-corte\/2025\/sentencias-de-unificacion-2025\/' title='Sentencias de Unificaci\u00f3n 2025' class='pt-cv-tax-sentencias-de-unificacion-2025'>Sentencias de Unificaci\u00f3n 2025<\/a><\/div>\n<h4 class=\"pt-cv-title\"><a href=\"https:\/\/www.dmsjuridica.com\/buscador_20179478954\/corteconstitucionalcronologico202454587\/su175-25\/\" class=\"_self\" target=\"_self\" >SU175-25<\/a><\/h4>\n<div class=\"pt-cv-content\">\u00a0 SU175-25\u00a0 TEMAS-SUBTEMAS \u00a0 \u00a0 Sentencia \u00a0SU.175\/25 \u00a0 \u00a0 \u00a0 \u00a0 \u00a0 \u00a0 \u00a0 \u00a0 COALICI\u00d3N DE \u00a0AGRUPACIONES POL\u00cdTICAS CON Y SIN PERSONER\u00cdA JUR\u00cdDICA-Interpretaci\u00f3n \u00a0constitucional del inciso 5\u00ba del art\u00edculo 262 de la Carta \u00a0 \u00a0 \u00a0 \u00a0 \u00a0 (\u2026) las agrupaciones pol\u00edticas sin \u00a0personer\u00eda jur\u00eddica s\u00ed pueden integrar coaliciones, ya que no hay normas de \u00a0rango constitucional o legal que se opongan a ello y su contribuci\u00f3n sumando \u00a0fuerza electoral para los candidatos inscritos por sus coaliados con personer\u00eda \u00a0jur\u00eddica y por ende capacidad para avalar candidatos, ejemplifican la garant\u00eda \u00a0al principio democr\u00e1tico y el derecho a la participaci\u00f3n ...<br \/><div class=\"pt-cv-rmwrap\"><a href=\"https:\/\/www.dmsjuridica.com\/buscador_20179478954\/corteconstitucionalcronologico202454587\/su175-25\/\" class=\"_self pt-cv-readmore btn btn-success\" target=\"_self\">Ver Sentencia Completa...<\/a><\/div><\/div><\/div><\/div>\n<div class=\"col-md-12 col-sm-12 col-xs-12 pt-cv-content-item pt-cv-1-col\" ><div class='pt-cv-ifield'><div class=\"pt-cv-taxoterm above_title\"><a href='https:\/\/www.dmsjuridica.com\/buscador_20179478954\/corteconstitucionalcronologico202454587\/category\/buscar-en-toda-la-corte\/2025\/sentencias-de-unificacion-2025\/' title='Sentencias de Unificaci\u00f3n 2025' class='pt-cv-tax-sentencias-de-unificacion-2025'>Sentencias de Unificaci\u00f3n 2025<\/a><\/div>\n<h4 class=\"pt-cv-title\"><a href=\"https:\/\/www.dmsjuridica.com\/buscador_20179478954\/corteconstitucionalcronologico202454587\/su174-25\/\" class=\"_self\" target=\"_self\" >SU174-25<\/a><\/h4>\n<div class=\"pt-cv-content\">\u00a0 SU174-25\u00a0 REP\u00daBLICA DE COLOMBIA \u00a0 \u00a0 \u00a0 \u00a0 CORTE CONSTITUCIONAL \u00a0 \u00a0 SENTENCIA SU-174 DE 2025 \u00a0 \u00a0 \u00a0 \u00a0 \u00a0 Expediente: T-10.412.059 \u00a0 \u00a0 \u00a0 \u00a0 \u00a0 Acci\u00f3n \u00a0de tutela interpuesta por Nelly Londo\u00f1o de Torres en contra de la Sala de Descongesti\u00f3n No. 4 de la Sala de Casaci\u00f3n \u00a0Laboral de la Corte Suprema de Justicia y otros \u00a0 \u00a0 \u00a0 \u00a0 \u00a0 Magistrada ponente: \u00a0 \u00a0 Paola Andrea Meneses \u00a0Mosquera \u00a0 \u00a0 \u00a0 \u00a0 \u00a0 Bogot\u00e1, \u00a0D.C., trece (13) de mayo de dos mil veinticinco (2025) \u00a0 \u00a0 \u00a0 \u00a0 \u00a0 La \u00a0Sala Plena de la ...<br \/><div class=\"pt-cv-rmwrap\"><a href=\"https:\/\/www.dmsjuridica.com\/buscador_20179478954\/corteconstitucionalcronologico202454587\/su174-25\/\" class=\"_self pt-cv-readmore btn btn-success\" target=\"_self\">Ver Sentencia Completa...<\/a><\/div><\/div><\/div><\/div>\n<div class=\"col-md-12 col-sm-12 col-xs-12 pt-cv-content-item pt-cv-1-col\" ><div class='pt-cv-ifield'><div class=\"pt-cv-taxoterm above_title\"><a href='https:\/\/www.dmsjuridica.com\/buscador_20179478954\/corteconstitucionalcronologico202454587\/category\/buscar-en-toda-la-corte\/2025\/sentencias-de-unificacion-2025\/' title='Sentencias de Unificaci\u00f3n 2025' class='pt-cv-tax-sentencias-de-unificacion-2025'>Sentencias de Unificaci\u00f3n 2025<\/a><\/div>\n<h4 class=\"pt-cv-title\"><a href=\"https:\/\/www.dmsjuridica.com\/buscador_20179478954\/corteconstitucionalcronologico202454587\/su126-25\/\" class=\"_self\" target=\"_self\" >SU126-25<\/a><\/h4>\n<div class=\"pt-cv-content\">\u00a0 SU126-25\u00a0 TEMAS-SUBTEMAS \u00a0 \u00a0 \u00a0 \u00a0 \u00a0 Sentencia SU.126\/25 \u00a0 \u00a0 \u00a0 \u00a0 \u00a0 \u00a0 \u00a0 \u00a0 \u00a0 \u00a0 \u00a0 ACCION DE TUTELA CONTRA PROVIDENCIAS JUDICIALES EN MATERIA DE \u00a0RESPONSABILIDAD DEL ESTADO POR PRIVACION INJUSTA DE LA LIBERTAD-Reiteraci\u00f3n SU072\/18 \u00a0 \u00a0 \u00a0 \u00a0 \u00a0 (\u2026) en los procesos de reparaci\u00f3n directa por privaci\u00f3n injusta de \u00a0la libertad el juez administrativo debe estudiar si esta se ajust\u00f3 al criterio \u00a0de correcci\u00f3n jur\u00eddica exigido por la ley aplicable y evaluar si la medida de \u00a0aseguramiento fue adoptada con criterios de razonabilidad, proporcionalidad y \u00a0legalidad, independientemente del t\u00edtulo de imputaci\u00f3n y el ...<br \/><div class=\"pt-cv-rmwrap\"><a href=\"https:\/\/www.dmsjuridica.com\/buscador_20179478954\/corteconstitucionalcronologico202454587\/su126-25\/\" class=\"_self pt-cv-readmore btn btn-success\" target=\"_self\">Ver Sentencia Completa...<\/a><\/div><\/div><\/div><\/div>\n<div class=\"col-md-12 col-sm-12 col-xs-12 pt-cv-content-item pt-cv-1-col\" ><div class='pt-cv-ifield'><div class=\"pt-cv-taxoterm above_title\"><a href='https:\/\/www.dmsjuridica.com\/buscador_20179478954\/corteconstitucionalcronologico202454587\/category\/buscar-en-toda-la-corte\/2025\/sentencias-de-unificacion-2025\/' title='Sentencias de Unificaci\u00f3n 2025' class='pt-cv-tax-sentencias-de-unificacion-2025'>Sentencias de Unificaci\u00f3n 2025<\/a><\/div>\n<h4 class=\"pt-cv-title\"><a href=\"https:\/\/www.dmsjuridica.com\/buscador_20179478954\/corteconstitucionalcronologico202454587\/su111-25\/\" class=\"_self\" target=\"_self\" >SU111-25<\/a><\/h4>\n<div class=\"pt-cv-content\">\u00a0 \u00a0 \u00a0 \u00a0 \u00a0 \u00a0 TEMAS-SUBTEMAS \u00a0 \u00a0 \u00a0 \u00a0 \u00a0 Sentencia \u00a0SU-111\/25 \u00a0 \u00a0 \u00a0 \u00a0 \u00a0 DERECHO A LA \u00a0ESTABILIDAD LABORAL REFORZADA DE PERSONA EN ESTADO DE DEBILIDAD MANIFIESTA-Reiteraci\u00f3n de \u00a0jurisprudencia\/CONCILIACION LABORAL-Improcedencia sobre derechos ciertos \u00a0e indiscutibles \u00a0 \u00a0 \u00a0 \u00a0 \u00a0 Un acto de conciliaci\u00f3n, \u00a0por terminaci\u00f3n laboral, que involucre a un trabajador enfermo y que se \u00a0encuentre dentro de las reglas precisadas por la jurisprudencia constitucional \u00a0para que opere la estabilidad laboral reforzada, no puede admitirse, si el juez \u00a0o la autoridad administrativa que la avala desconoce las circunstancias en la \u00a0que se suscribe, esto ...<br \/><div class=\"pt-cv-rmwrap\"><a href=\"https:\/\/www.dmsjuridica.com\/buscador_20179478954\/corteconstitucionalcronologico202454587\/su111-25\/\" class=\"_self pt-cv-readmore btn btn-success\" target=\"_self\">Ver Sentencia Completa...<\/a><\/div><\/div><\/div><\/div>\n<div class=\"col-md-12 col-sm-12 col-xs-12 pt-cv-content-item pt-cv-1-col\" ><div class='pt-cv-ifield'><div class=\"pt-cv-taxoterm above_title\"><a href='https:\/\/www.dmsjuridica.com\/buscador_20179478954\/corteconstitucionalcronologico202454587\/category\/buscar-en-toda-la-corte\/2025\/sentencias-de-unificacion-2025\/' title='Sentencias de Unificaci\u00f3n 2025' class='pt-cv-tax-sentencias-de-unificacion-2025'>Sentencias de Unificaci\u00f3n 2025<\/a><\/div>\n<h4 class=\"pt-cv-title\"><a href=\"https:\/\/www.dmsjuridica.com\/buscador_20179478954\/corteconstitucionalcronologico202454587\/su088-25\/\" class=\"_self\" target=\"_self\" >SU088-25<\/a><\/h4>\n<div class=\"pt-cv-content\">\u00a0 SU088-25\u00a0 \u00a0 \u00a0 \u00a0 \u00a0 \u00a0 \u00a0 TEMAS-SUBTEMAS \u00a0 \u00a0 \u00a0 \u00a0 \u00a0 Sentencia \u00a0SU-088\/25 \u00a0 \u00a0 \u00a0 \u00a0 \u00a0 TUTELA CONTRA \u00a0PROVIDENCIAS JUDICIALES EN PROCESO DE RESTITUCI\u00d3N DE TIERRAS-No se configura \u00a0defecto sustantivo \u00a0 \u00a0 \u00a0 \u00a0 \u00a0 (...), la Sala \u00a0Plena concluye que no se evidencia una actuaci\u00f3n judicial arbitraria o \u00a0caprichosa que haya desconocido la Constituci\u00f3n o la ley en desconocimiento de \u00a0los principios, derechos y deberes superiores por la err\u00f3nea interpretaci\u00f3n o \u00a0aplicaci\u00f3n de las disposiciones de la Ley 1448 de 2011. \u00a0 \u00a0 \u00a0 \u00a0 \u00a0 ACCION DE TUTELA \u00a0TEMERARIA-Triple \u00a0identidad\/ACCION DE TUTELA TEMERARIA-Para ...<br \/><div class=\"pt-cv-rmwrap\"><a href=\"https:\/\/www.dmsjuridica.com\/buscador_20179478954\/corteconstitucionalcronologico202454587\/su088-25\/\" class=\"_self pt-cv-readmore btn btn-success\" target=\"_self\">Ver Sentencia Completa...<\/a><\/div><\/div><\/div><\/div>\n<div class=\"col-md-12 col-sm-12 col-xs-12 pt-cv-content-item pt-cv-1-col\" ><div class='pt-cv-ifield'><div class=\"pt-cv-taxoterm above_title\"><a href='https:\/\/www.dmsjuridica.com\/buscador_20179478954\/corteconstitucionalcronologico202454587\/category\/buscar-en-toda-la-corte\/2025\/sentencias-de-unificacion-2025\/' title='Sentencias de Unificaci\u00f3n 2025' class='pt-cv-tax-sentencias-de-unificacion-2025'>Sentencias de Unificaci\u00f3n 2025<\/a><\/div>\n<h4 class=\"pt-cv-title\"><a href=\"https:\/\/www.dmsjuridica.com\/buscador_20179478954\/corteconstitucionalcronologico202454587\/su087-25\/\" class=\"_self\" target=\"_self\" >SU087-25<\/a><\/h4>\n<div class=\"pt-cv-content\">\u00a0 SU087-25\u00a0 \u00a0 \u00a0 \u00a0 TEMAS-SUBTEMAS \u00a0 \u00a0 \u00a0 \u00a0 \u00a0 Sentencia \u00a0SU-087\/25 \u00a0 \u00a0 \u00a0 \u00a0 \u00a0 DERECHO AL M\u00cdNIMO \u00a0VITAL, VIDA DIGNA Y SEGURIDAD SOCIAL EN PENSIONES-Reconocimiento y \u00a0pago de la pensi\u00f3n de invalidez a sujeto de especial protecci\u00f3n constitucional, \u00a0en aplicaci\u00f3n del principio de favorabilidad laboral de la condici\u00f3n m\u00e1s \u00a0beneficiosa \u00a0 \u00a0 \u00a0 \u00a0 \u00a0 (...),esta \u00a0Corporaci\u00f3n ha advertido de manera consistente que la interpretaci\u00f3n de la Sala \u00a0de Casaci\u00f3n Laboral sobre el alcance de la condici\u00f3n m\u00e1s beneficiosa, respecto \u00a0de las pensiones de invalidez y la aplicaci\u00f3n excepcional de las reglas del \u00a0Acuerdo 049 de ...<br \/><div class=\"pt-cv-rmwrap\"><a href=\"https:\/\/www.dmsjuridica.com\/buscador_20179478954\/corteconstitucionalcronologico202454587\/su087-25\/\" class=\"_self pt-cv-readmore btn btn-success\" target=\"_self\">Ver Sentencia Completa...<\/a><\/div><\/div><\/div><\/div>\n<div class=\"col-md-12 col-sm-12 col-xs-12 pt-cv-content-item pt-cv-1-col\" ><div class='pt-cv-ifield'><div class=\"pt-cv-taxoterm above_title\"><a href='https:\/\/www.dmsjuridica.com\/buscador_20179478954\/corteconstitucionalcronologico202454587\/category\/buscar-en-toda-la-corte\/2025\/sentencias-de-unificacion-2025\/' title='Sentencias de Unificaci\u00f3n 2025' class='pt-cv-tax-sentencias-de-unificacion-2025'>Sentencias de Unificaci\u00f3n 2025<\/a><\/div>\n<h4 class=\"pt-cv-title\"><a href=\"https:\/\/www.dmsjuridica.com\/buscador_20179478954\/corteconstitucionalcronologico202454587\/su070-25\/\" class=\"_self\" target=\"_self\" >SU070-25<\/a><\/h4>\n<div class=\"pt-cv-content\">\u00a0 SU070-25\u00a0 \u00a0 \u00a0 \u00a0 \u00a0 \u00a0 \u00a0 TEMAS-SUBTEMAS \u00a0 \u00a0 \u00a0 \u00a0 \u00a0 Sentencia \u00a0SU-070\/25 \u00a0 \u00a0 \u00a0 \u00a0 \u00a0 TUTELA CONTRA \u00a0DECISIONES JUDICIALES EN MEDIO DE CONTROL NULIDAD Y RESTABLECIMIENTO DEL \u00a0DERECHO-Interpretaci\u00f3n \u00a0de la causal de inhabilidad sobreviniente por la imposici\u00f3n de tres sanciones \u00a0disciplinarias\/VIOLACION DIRECTA DE LA CONSTITUCION-Estructuraci\u00f3n \u00a0 \u00a0 \u00a0 \u00a0 \u00a0 (...), la Sala \u00a0Plena estima que la providencia cuestionada viol\u00f3 directamente la Constituci\u00f3n \u00a0por cuanto (i) efectu\u00f3 una aplicaci\u00f3n directa del control de convencionalidad, \u00a0sin atender a la armonizaci\u00f3n entre las normas internacionales y el derecho \u00a0interno y, en consecuencia, (ii) desconoci\u00f3 las competencias ...<br \/><div class=\"pt-cv-rmwrap\"><a href=\"https:\/\/www.dmsjuridica.com\/buscador_20179478954\/corteconstitucionalcronologico202454587\/su070-25\/\" class=\"_self pt-cv-readmore btn btn-success\" target=\"_self\">Ver Sentencia Completa...<\/a><\/div><\/div><\/div><\/div>\n<div class=\"col-md-12 col-sm-12 col-xs-12 pt-cv-content-item pt-cv-1-col\" ><div class='pt-cv-ifield'><div class=\"pt-cv-taxoterm above_title\"><a href='https:\/\/www.dmsjuridica.com\/buscador_20179478954\/corteconstitucionalcronologico202454587\/category\/buscar-en-toda-la-corte\/2025\/sentencias-de-unificacion-2025\/' title='Sentencias de Unificaci\u00f3n 2025' class='pt-cv-tax-sentencias-de-unificacion-2025'>Sentencias de Unificaci\u00f3n 2025<\/a><\/div>\n<h4 class=\"pt-cv-title\"><a href=\"https:\/\/www.dmsjuridica.com\/buscador_20179478954\/corteconstitucionalcronologico202454587\/su056-25\/\" class=\"_self\" target=\"_self\" >SU056-25<\/a><\/h4>\n<div class=\"pt-cv-content\">\u00a0 SU056-25\u00a0 \u00a0 \u00a0 \u00a0 \u00a0 \u00a0 \u00a0 TEMAS-SUBTEMAS \u00a0 \u00a0 \u00a0 \u00a0 \u00a0 Sentencia \u00a0SU-056\/25 \u00a0 \u00a0 \u00a0 \u00a0 \u00a0 ACCI\u00d3N DE TUTELA \u00a0CONTRA PROVIDENCIAS JUDICIALES EN ASUNTO PENSIONAL-Desconocimiento \u00a0de los precedentes judicial y constitucional, respecto de la interrupci\u00f3n \u00a0justificada de la convivencia \u00a0 \u00a0 \u00a0 \u00a0 \u00a0 ACCION DE TUTELA \u00a0CONTRA PROVIDENCIAS JUDICIALES-Relevancia constitucional como requisito de \u00a0procedibilidad \u00a0 \u00a0 \u00a0 \u00a0 \u00a0 ACCI\u00d3N DE TUTELA \u00a0CONTRA PROVIDENCIAS JUDICIALES-Relevancia constitucional como requisito \u00a0de procedibilidad\/ACCION DE TUTELA CONTRA SENTENCIAS DE ALTAS CORTES-Requisitos \u00a0generales de procedencia requiere argumentaci\u00f3n y an\u00e1lisis m\u00e1s riguroso \u00a0 \u00a0 ACCION DE TUTELA \u00a0CONTRA SENTENCIAS DE ...<br \/><div class=\"pt-cv-rmwrap\"><a href=\"https:\/\/www.dmsjuridica.com\/buscador_20179478954\/corteconstitucionalcronologico202454587\/su056-25\/\" class=\"_self pt-cv-readmore btn btn-success\" target=\"_self\">Ver Sentencia Completa...<\/a><\/div><\/div><\/div><\/div>\n<div class=\"col-md-12 col-sm-12 col-xs-12 pt-cv-content-item pt-cv-1-col\" ><div class='pt-cv-ifield'><div class=\"pt-cv-taxoterm above_title\"><a href='https:\/\/www.dmsjuridica.com\/buscador_20179478954\/corteconstitucionalcronologico202454587\/category\/buscar-en-toda-la-corte\/2025\/sentencias-de-unificacion-2025\/' title='Sentencias de Unificaci\u00f3n 2025' class='pt-cv-tax-sentencias-de-unificacion-2025'>Sentencias de Unificaci\u00f3n 2025<\/a><\/div>\n<h4 class=\"pt-cv-title\"><a href=\"https:\/\/www.dmsjuridica.com\/buscador_20179478954\/corteconstitucionalcronologico202454587\/su054-25\/\" class=\"_self\" target=\"_self\" >SU054-25<\/a><\/h4>\n<div class=\"pt-cv-content\">\u00a0 SU054-25\u00a0 TEMAS-SUBTEMAS \u00a0 \u00a0 \u00a0 \u00a0 \u00a0 Sentencia SU-054\/25 \u00a0 \u00a0 \u00a0 \u00a0 \u00a0 \u00a0 \u00a0 \u00a0 RESPONSABILIDAD DEL ESTADO POR \u00a0PRIVACION INJUSTA DE LA LIBERTAD-Jurisprudencia de la Corte \u00a0Constitucional \u00a0 \u00a0 \u00a0 \u00a0 \u00a0 (\u2026) \u00a0la providencia judicial incurri\u00f3 en (i) defecto f\u00e1ctico, porque desconoci\u00f3 la \u00a0conexi\u00f3n de los supuestos invocados y que, seg\u00fan la jurisprudencia pac\u00edfica del \u00a0Consejo de Estado en este caso, la caducidad se cuenta a partir del momento en \u00a0el que qued\u00f3 en firme la decisi\u00f3n de absoluci\u00f3n; (ii) \u201cdefecto procesal\u201d, en \u00a0raz\u00f3n a que, si la autoridad judicial demandada consider\u00f3 necesario cambiar su ...<br \/><div class=\"pt-cv-rmwrap\"><a href=\"https:\/\/www.dmsjuridica.com\/buscador_20179478954\/corteconstitucionalcronologico202454587\/su054-25\/\" class=\"_self pt-cv-readmore btn btn-success\" target=\"_self\">Ver Sentencia Completa...<\/a><\/div><\/div><\/div><\/div>\n<div class=\"col-md-12 col-sm-12 col-xs-12 pt-cv-content-item pt-cv-1-col\" ><div class='pt-cv-ifield'><div class=\"pt-cv-taxoterm above_title\"><a href='https:\/\/www.dmsjuridica.com\/buscador_20179478954\/corteconstitucionalcronologico202454587\/category\/buscar-en-toda-la-corte\/2025\/sentencias-de-unificacion-2025\/' title='Sentencias de Unificaci\u00f3n 2025' class='pt-cv-tax-sentencias-de-unificacion-2025'>Sentencias de Unificaci\u00f3n 2025<\/a><\/div>\n<h4 class=\"pt-cv-title\"><a href=\"https:\/\/www.dmsjuridica.com\/buscador_20179478954\/corteconstitucionalcronologico202454587\/su018-25\/\" class=\"_self\" target=\"_self\" >SU018-25<\/a><\/h4>\n<div class=\"pt-cv-content\">\u00a0 SU018-25\u00a0 \u00a0 \u00a0 \u00a0 \u00a0 \u00a0 \u00a0 TEMAS-SUBTEMAS \u00a0 \u00a0 \u00a0 \u00a0 \u00a0 Sentencia \u00a0SU-018\/25 \u00a0 \u00a0 \u00a0 \u00a0 \u00a0 DERECHO DE LAS \u00a0MUJERES A UNA VIDA LIBRE DE VIOLENCIA-Agresi\u00f3n sistem\u00e1tica y prolongada en el \u00a0contexto dom\u00e9stico \u00a0 \u00a0 \u00a0 \u00a0 \u00a0 (...), la Sala \u00a0concluye que se trata de un caso t\u00edpico en el que la decisi\u00f3n de hacer p\u00fablica \u00a0una situaci\u00f3n prolongada de violencia contra la mujer, con la consecuente \u00a0visibilizaci\u00f3n de sus secuelas en la salud mental, tiene lugar despu\u00e9s de a\u00f1os \u00a0de ocultamiento, verg\u00fcenza e, incluso, normalizaci\u00f3n de un contexto de agresi\u00f3n \u00a0y, por tanto, ...<br \/><div class=\"pt-cv-rmwrap\"><a href=\"https:\/\/www.dmsjuridica.com\/buscador_20179478954\/corteconstitucionalcronologico202454587\/su018-25\/\" class=\"_self pt-cv-readmore btn btn-success\" target=\"_self\">Ver Sentencia Completa...<\/a><\/div><\/div><\/div><\/div><\/div><\/div><\/div>\n","protected":false},"excerpt":{"rendered":"","protected":false},"author":1,"featured_media":0,"parent":0,"menu_order":0,"comment_status":"closed","ping_status":"closed","template":"","meta":{"footnotes":""},"class_list":["post-31350","page","type-page","status-publish","hentry"],"_links":{"self":[{"href":"https:\/\/www.dmsjuridica.com\/buscador_20179478954\/corteconstitucionalcronologico202454587\/wp-json\/wp\/v2\/pages\/31350","targetHints":{"allow":["GET"]}}],"collection":[{"href":"https:\/\/www.dmsjuridica.com\/buscador_20179478954\/corteconstitucionalcronologico202454587\/wp-json\/wp\/v2\/pages"}],"about":[{"href":"https:\/\/www.dmsjuridica.com\/buscador_20179478954\/corteconstitucionalcronologico202454587\/wp-json\/wp\/v2\/types\/page"}],"author":[{"embeddable":true,"href":"https:\/\/www.dmsjuridica.com\/buscador_20179478954\/corteconstitucionalcronologico202454587\/wp-json\/wp\/v2\/users\/1"}],"replies":[{"embeddable":true,"href":"https:\/\/www.dmsjuridica.com\/buscador_20179478954\/corteconstitucionalcronologico202454587\/wp-json\/wp\/v2\/comments?post=31350"}],"version-history":[{"count":1,"href":"https:\/\/www.dmsjuridica.com\/buscador_20179478954\/corteconstitucionalcronologico202454587\/wp-json\/wp\/v2\/pages\/31350\/revisions"}],"predecessor-version":[{"id":31351,"href":"https:\/\/www.dmsjuridica.com\/buscador_20179478954\/corteconstitucionalcronologico202454587\/wp-json\/wp\/v2\/pages\/31350\/revisions\/31351"}],"wp:attachment":[{"href":"https:\/\/www.dmsjuridica.com\/buscador_20179478954\/corteconstitucionalcronologico202454587\/wp-json\/wp\/v2\/media?parent=31350"}],"curies":[{"name":"wp","href":"https:\/\/api.w.org\/{rel}","templated":true}]}}