{"id":81433,"date":"2024-08-23T15:59:01","date_gmt":"2024-08-23T20:59:01","guid":{"rendered":"https:\/\/www.dmsjuridica.com\/buscador_20179478954\/indice_tematico_corte\/?page_id=81433"},"modified":"2025-10-28T16:48:30","modified_gmt":"2025-10-28T21:48:30","slug":"81433-2","status":"publish","type":"page","link":"https:\/\/www.dmsjuridica.com\/buscador_20179478954\/indice_tematico_corte\/","title":{"rendered":"\u00cdndice Tem\u00e1tico Actualizaci\u00f3n 2025"},"content":{"rendered":"\n<head>\n<meta http-equiv=\"Contenwww.T-\nLanguage\" content=\"es\">\n<meta http-equiv=\"Contenwww.T-\nType\" content=\"text\/html; charset=windows-1252\">\n<title>Tema<\/title>\n<style>\n<!--\np\n\t{margin-right:0cm;\n\tmargin-left:0cm;\n\tfonwww.T-\nsize:12.0pt;\n\tfonwww.T-\nfamily:\"Times New Roman\",serif;\n\t}\n p.MsoNormal\n\t{mso-style-parent:\"\";\n\tmargin-top:0cm;\n\tmargin-right:0cm;\n\tmargin-bottom:8.0pt;\n\tmargin-left:0cm;\n\tline-height:107%;\n\tfonwww.T-\nsize:11.0pt;\n\tfonwww.T-\nfamily:\"Calibri\",sans-serif;\n\t}\n-->\n<\/style>\n<\/head>\n\n<html>\n\n<body>\n\n<p class=\"MsoNormal\">&nbsp;<\/p>\n<p><font face=\"Verdana\" size=\"2\">ABANDONO SOCIAL Caracterizaci\u00f3n&nbsp; <a href=\"https:\/\/www.dmsjuridica.com\/JURISPRUDENCIA\/CORTE_CONSTITUCIONAL\/docs\/2025\/T-226-25.html\">\nT-226\/25<\/a>&nbsp; &#8211; <a href=\"https:\/\/www.dmsjuridica.com\/JURISPRUDENCIA\/CORTE_CONSTITUCIONAL\/docs\/2025\/T-303-25.html\">\nT-303\/25<\/a>&nbsp; <br>\n&nbsp;<\/font><\/p>\n<p><font face=\"Verdana\" size=\"2\">ACCESIBILIDAD AL DERECHO A LA SALUD Servicio de traslado en ambulancia hace \nparte del Plan de Beneficios en Salud <a href=\"https:\/\/www.dmsjuridica.com\/JURISPRUDENCIA\/CORTE_CONSTITUCIONAL\/docs\/2025\/T-270-25.html\">\nT-270\/25<\/a> <br>\n&nbsp;<\/font><\/p>\n<p><font face=\"Verdana\" size=\"2\">ACCI\u00d3N DE TUTELA CONTRA PROVIDENCIAS JUDICIALES EN ASUNTO DISCIPLINARIO \nProcedencia por defecto f\u00e1ctico, incumplimiento de los est\u00e1ndares legales de \nvaloraci\u00f3n probatoria <a href=\"https:\/\/www.dmsjuridica.com\/JURISPRUDENCIA\/CORTE_CONSTITUCIONAL\/docs\/2025\/T-013-25.html\">\nT-013\/25<\/a> <br>\n&nbsp;<\/font><\/p>\n<p><font face=\"Verdana\" size=\"2\">ACCI\u00d3N DE TUTELA CONTRA PROVIDENCIAS JUDICIALES EN ASUNTO PENSIONAL \nDesconocimiento de los precedentes judicial y constitucional, respecto de la \ninterrupci\u00f3n justificada de la convivencia <a href=\"https:\/\/www.dmsjuridica.com\/JURISPRUDENCIA\/CORTE_CONSTITUCIONAL\/docs\/2025\/SU056-25.html\">\nSU.056\/25<\/a>&nbsp; <br>\n&nbsp;<\/font><\/p>\n<p><font face=\"Verdana\" size=\"2\">ACCI\u00d3N DE TUTELA CONTRA PROVIDENCIAS JUDICIALES EN MATERIA PENSIONAL \nImposibilidad de declarar la ineficacia del traslado entre reg\u00edmenes, cuando ya \nse ostenta la calidad de pensionado <a href=\"https:\/\/www.dmsjuridica.com\/JURISPRUDENCIA\/CORTE_CONSTITUCIONAL\/docs\/2025\/T-157-25.html\">\nT-157\/25<\/a> <br>\n&nbsp;<\/font><\/p>\n<p><font face=\"Verdana\" size=\"2\">ACCI\u00d3N DE TUTELA CONTRA PROVIDENCIAS JUDICIALES EN MEDIO DE CONTROL DE \nREPARACI\u00d3N DIRECTA Vulneraci\u00f3n del acceso a la administraci\u00f3n de justicia y el \ndebido proceso, por desconocimiento del precedente constitucional en el c\u00f3mputo \ndel t\u00e9rmino de caducidad <a href=\"https:\/\/www.dmsjuridica.com\/JURISPRUDENCIA\/CORTE_CONSTITUCIONAL\/docs\/2025\/T-004-25.html\">\nT-004\/25<\/a>&nbsp; &#8211; \n<a href=\"https:\/\/www.dmsjuridica.com\/JURISPRUDENCIA\/CORTE_CONSTITUCIONAL\/docs\/2025\/T-202-25.html\">\nT-202\/25<\/a> <br>\n&nbsp;<\/font><\/p>\n<p><font face=\"Verdana\" size=\"2\">ACCI\u00d3N DE TUTELA CONTRA PROVIDENCIAS JUDICIALES Posibilidad de establecer \npar\u00e1metros para que la autoridad judicial profiera la decisi\u00f3n de reemplazo \n<a href=\"https:\/\/www.dmsjuridica.com\/JURISPRUDENCIA\/CORTE_CONSTITUCIONAL\/docs\/2025\/T-014-25.html\">\nT-014\/25<\/a> <br>\n&nbsp;<\/font><\/p>\n<p><font face=\"Verdana\" size=\"2\">ACOSO LABORAL Funciones del Comit\u00e9 de Convivencia Laboral en entidades \np\u00fablicas y empresas privadas <a href=\"https:\/\/www.dmsjuridica.com\/JURISPRUDENCIA\/CORTE_CONSTITUCIONAL\/docs\/2025\/T-104-25.html\">\nT-104\/25<\/a> <br>\n&nbsp;<\/font><\/p>\n<p><font face=\"Verdana\" size=\"2\">ACTIVIDAD FINANCIERA Obligaciones de las entidades financieras dentro del \nSistema de Administraci\u00f3n del Riesgo de Lavado de Activos y Financiaci\u00f3n del \nTerrorismo (SARLAFT) <a href=\"https:\/\/www.dmsjuridica.com\/JURISPRUDENCIA\/CORTE_CONSTITUCIONAL\/docs\/2025\/T-113-25.html\">\nT-113\/25<\/a> <br>\n&nbsp;<\/font><\/p>\n<p><font face=\"Verdana\" size=\"2\">ACTIVIDAD MINERA Situaci\u00f3n de vulnerabilidad de los trabajadores \n<a href=\"https:\/\/www.dmsjuridica.com\/JURISPRUDENCIA\/CORTE_CONSTITUCIONAL\/docs\/2025\/T-201-25.html\">\nT-201\/25<\/a> <br>\n&nbsp;<\/font><\/p>\n<p><font face=\"Verdana\" size=\"2\">ACTO M\u00c9DICO Concepto <a href=\"https:\/\/www.dmsjuridica.com\/JURISPRUDENCIA\/CORTE_CONSTITUCIONAL\/docs\/2025\/T-194-25.html\">\nT-194\/25<\/a><br>\n&nbsp;<\/font><\/p>\n<p><font face=\"Verdana\" size=\"2\">ACUERDOS DE PAZ Naturaleza jur\u00eddica <a href=\"https:\/\/www.dmsjuridica.com\/JURISPRUDENCIA\/CORTE_CONSTITUCIONAL\/docs\/2025\/C-036-25.html\">\nC-036\/25<\/a> <br>\n&nbsp;<\/font><\/p>\n<p><font face=\"Verdana\" size=\"2\">ADJUDICACION JUDICIAL DE APOYOS Deberes de la Defensor\u00eda del Pueblo&nbsp; \n<a href=\"https:\/\/www.dmsjuridica.com\/JURISPRUDENCIA\/CORTE_CONSTITUCIONAL\/docs\/2025\/T-226-25.html\">\nT-226\/25<\/a> <br>\n&nbsp;<\/font><\/p>\n<p><font face=\"Verdana\" size=\"2\">AGRUPACION POLITICA P\u00e9rdida de la personer\u00eda jur\u00eddica \n<a href=\"https:\/\/www.dmsjuridica.com\/JURISPRUDENCIA\/CORTE_CONSTITUCIONAL\/docs\/2025\/SU175-25.html\">\nSU.175\/25<\/a> <br>\n&nbsp;<\/font><\/p>\n<p><font face=\"Verdana\" size=\"2\">ALBERGUE TEMPORAL DE POBLACION DESPLAZADA Condiciones m\u00ednimas que deben \ncumplir <a href=\"https:\/\/www.dmsjuridica.com\/JURISPRUDENCIA\/CORTE_CONSTITUCIONAL\/docs\/2025\/T-193-25.html\">\nT-193\/25<\/a> <br>\n&nbsp;<\/font><\/p>\n<p><font face=\"Verdana\" size=\"2\">ALTERACI\u00d3N DE LA CONSCIENCIA Concepto <a href=\"https:\/\/www.dmsjuridica.com\/JURISPRUDENCIA\/CORTE_CONSTITUCIONAL\/docs\/2025\/T-026-25.html\">\nT-026\/25<\/a> <br>\n&nbsp;<\/font><\/p>\n<p><font face=\"Verdana\" size=\"2\">ANOTACIONES EN LOS SISTEMAS INFORMATICOS DE LA FISCALIA GENERAL DE LA NACION \nObligaciones de los administradores de bases de datos \n<a href=\"https:\/\/www.dmsjuridica.com\/JURISPRUDENCIA\/CORTE_CONSTITUCIONAL\/docs\/2025\/T-125-25.html\">\nT-125\/25<\/a> <br>\n&nbsp;<\/font><\/p>\n<p><font face=\"Verdana\" size=\"2\">AUTONOMIA DE ENTIDADES TERRITORIALES No se vulnera por medidas para la \nunificaci\u00f3n de la imagen de las entidades territoriales, a trav\u00e9s de la \nimplementaci\u00f3n de un manual de identidad visual \n<a href=\"https:\/\/www.dmsjuridica.com\/JURISPRUDENCIA\/CORTE_CONSTITUCIONAL\/docs\/2025\/C-086-25.html\">\nC-086\/25<\/a> <br>\n&nbsp;<\/font><\/p>\n<p><font face=\"Verdana\" size=\"2\">AUTONOMIA DE ENTIDADES TERRITORIALES No se vulnera por prohibici\u00f3n de gasto \nen publicidad estatal que promueva marcas de gobierno \n<a href=\"https:\/\/www.dmsjuridica.com\/JURISPRUDENCIA\/CORTE_CONSTITUCIONAL\/docs\/2025\/C-086-25.html\">\nC-086\/25<\/a> <br>\n&nbsp;<\/font><\/p>\n<p><font face=\"Verdana\" size=\"2\">BLOQUE DE CONVENCIONALIDAD Relevancia constitucional&nbsp;\n<a href=\"https:\/\/www.dmsjuridica.com\/JURISPRUDENCIA\/CORTE_CONSTITUCIONAL\/docs\/2025\/SU070-25.html\">\nSU.070\/25<\/a> <br>\n&nbsp;<\/font><\/p>\n<p><font face=\"Verdana\" size=\"2\">BUENA FE EXENTA DE CULPA EN EL PROCESO DE RESTITUCI\u00d3N DE TIERRAS \nJurisprudencia de la Corte Suprema de Justicia \n<a href=\"https:\/\/www.dmsjuridica.com\/JURISPRUDENCIA\/CORTE_CONSTITUCIONAL\/docs\/2025\/SU088-25.html\">\nSU.088\/25<\/a> <br>\n&nbsp;<\/font><\/p>\n<p><font face=\"Verdana\" size=\"2\">BUENA FE EXENTA DE CULPA EN EL PROCESO DE RESTITUCI\u00d3N DE TIERRAS Par\u00e1metros \nde interpretaci\u00f3n del est\u00e1ndar probatorio y aplicaci\u00f3n del enfoque diferencial \n<a href=\"https:\/\/www.dmsjuridica.com\/JURISPRUDENCIA\/CORTE_CONSTITUCIONAL\/docs\/2025\/SU088-25.html\">\nSU.088\/25<\/a> <br>\n&nbsp;<\/font><\/p>\n<p><font face=\"Verdana\" size=\"2\">BUENA FE EXENTA DE CULPA EN EL PROCESO DE RESTITUCI\u00d3N DE TIERRAS Presupuestos \nexcepcionales que flexibilizan el est\u00e1ndar probatorio a favor de segundos \nocupantes <a href=\"https:\/\/www.dmsjuridica.com\/JURISPRUDENCIA\/CORTE_CONSTITUCIONAL\/docs\/2025\/SU088-25.html\">\nSU.088\/25<\/a> <br>\n&nbsp;<\/font><\/p>\n<p><font face=\"Verdana\" size=\"2\">BUENA FE EXENTA DE CULPA Est\u00e1ndar calificado con enfoque diferencial en el \nproceso de restituci\u00f3n de tierras <a href=\"https:\/\/www.dmsjuridica.com\/JURISPRUDENCIA\/CORTE_CONSTITUCIONAL\/docs\/2025\/SU088-25.html\">\nSU.088\/25<\/a> <br>\n&nbsp;<\/font><\/p>\n<p><font face=\"Verdana\" size=\"2\">CARENCIA ACTUAL DE OBJETO POR DA\u00d1O CONSUMADO Regreso de extranjeros a su pa\u00eds \nde origen <a href=\"https:\/\/www.dmsjuridica.com\/JURISPRUDENCIA\/CORTE_CONSTITUCIONAL\/docs\/2025\/T-060-25.html\">\nT-060\/25<\/a> <br>\n&nbsp;<\/font><\/p>\n<p><font face=\"Verdana\" size=\"2\">CARGOS DE LIBRE NOBRAMIENTO Y REMOCION DE LA CONTRALORIA GENERAL Excepciones \na la Carrera Administrativa restablecida en el art\u00edculo 125 de la Constituci\u00f3n \n<a href=\"https:\/\/www.dmsjuridica.com\/JURISPRUDENCIA\/CORTE_CONSTITUCIONAL\/docs\/2025\/C-069-25.html\">\nC-069\/25<\/a> <br>\n&nbsp;<\/font><\/p>\n<p><font face=\"Verdana\" size=\"2\">CESACI\u00d3N DE LA CONDICI\u00d3N DE REFUGIADO Causales \n<a href=\"https:\/\/www.dmsjuridica.com\/JURISPRUDENCIA\/CORTE_CONSTITUCIONAL\/docs\/2025\/T-042A-25.html\">\nT-042A\/25<\/a> <br>\n&nbsp;<\/font><\/p>\n<p><font face=\"Verdana\" size=\"2\">CES\u00c1REA HUMANIZADA Concepto <a href=\"https:\/\/www.dmsjuridica.com\/JURISPRUDENCIA\/CORTE_CONSTITUCIONAL\/docs\/2025\/T-135-25.html\">\nT-135\/25<\/a><br>\n&nbsp;<\/font><\/p>\n<p><font face=\"Verdana\" size=\"2\">CLASIFICACION DE DETERMINADOS CARGOS PUBLICOS COMO DE LIBRE NOMBRAMIENTO Y \nREMOCION Jurisprudencia constitucional <a href=\"https:\/\/www.dmsjuridica.com\/JURISPRUDENCIA\/CORTE_CONSTITUCIONAL\/docs\/2025\/C-069-25.html\">\nC-069\/25<\/a> <br>\n&nbsp;<\/font><\/p>\n<p><font face=\"Verdana\" size=\"2\">CLASIFICACIONES DE LOS CERT\u00c1MENES DEPORTIVOS Sistemas convencional, \nparal\u00edmpico y sordol\u00edmpico <a href=\"https:\/\/www.dmsjuridica.com\/JURISPRUDENCIA\/CORTE_CONSTITUCIONAL\/docs\/2025\/T-286-25.html\">\nT-286\/25<\/a> <br>\n&nbsp;<\/font><\/p>\n<p><font face=\"Verdana\" size=\"2\">COALICI\u00d3N DE AGRUPACIONES POL\u00cdTICAS Caracterizaci\u00f3n para su conformaci\u00f3n y \nparticipaci\u00f3n democr\u00e1tica <a href=\"https:\/\/www.dmsjuridica.com\/JURISPRUDENCIA\/CORTE_CONSTITUCIONAL\/docs\/2025\/SU175-25.html\">\nSU.175\/25<\/a><br>\n&nbsp;<\/font><\/p>\n<p><font face=\"Verdana\" size=\"2\">COALICI\u00d3N DE AGRUPACIONES POL\u00cdTICAS CON Y SIN PERSONER\u00cdA JUR\u00cdDICA Finalidad \nen la participaci\u00f3n democr\u00e1tica <a href=\"https:\/\/www.dmsjuridica.com\/JURISPRUDENCIA\/CORTE_CONSTITUCIONAL\/docs\/2025\/SU175-25.html\">\nSU.175\/25<\/a> <br>\n&nbsp;<\/font><\/p>\n<p><font face=\"Verdana\" size=\"2\">COALICI\u00d3N DE AGRUPACIONES POL\u00cdTICAS CON Y SIN PERSONER\u00cdA JUR\u00cdDICA \nInterpretaci\u00f3n constitucional del inciso 5\u00ba del art\u00edculo 262 de la Carta \n<a href=\"https:\/\/www.dmsjuridica.com\/JURISPRUDENCIA\/CORTE_CONSTITUCIONAL\/docs\/2025\/SU175-25.html\">\nSU.175\/25<\/a> <br>\n&nbsp;<\/font><\/p>\n<p><font face=\"Verdana\" size=\"2\">COALICI\u00d3N DE AGRUPACIONES POL\u00cdTICAS Conformaci\u00f3n permite incluir fuerzas \npol\u00edticas sin personer\u00eda jur\u00eddica <a href=\"https:\/\/www.dmsjuridica.com\/JURISPRUDENCIA\/CORTE_CONSTITUCIONAL\/docs\/2025\/SU175-25.html\">\nSU.175\/25<\/a> <br>\n&nbsp;<\/font><\/p>\n<p><font face=\"Verdana\" size=\"2\">COALICI\u00d3N DE AGRUPACIONES POL\u00cdTICAS Desempe\u00f1o electoral y su relaci\u00f3n con la \npersoner\u00eda jur\u00eddica <a href=\"https:\/\/www.dmsjuridica.com\/JURISPRUDENCIA\/CORTE_CONSTITUCIONAL\/docs\/2025\/SU175-25.html\">\nSU.175\/25<\/a> <br>\n&nbsp;<\/font><\/p>\n<p><font face=\"Verdana\" size=\"2\">COMISION DE SERVICIOS Alcance <a href=\"https:\/\/www.dmsjuridica.com\/JURISPRUDENCIA\/CORTE_CONSTITUCIONAL\/docs\/2025\/C-207-25.html\">\nC-207\/25<\/a> <br>\n&nbsp;<\/font><\/p>\n<p><font face=\"Verdana\" size=\"2\">COMISI\u00d3N DE SERVICIOS Y PERMISO REMUNERADO Constituyen vacancia temporal del \nempleo <a href=\"https:\/\/www.dmsjuridica.com\/JURISPRUDENCIA\/CORTE_CONSTITUCIONAL\/docs\/2025\/C-207-25.html\">\nC-207\/25<\/a> <br>\n&nbsp;<\/font><\/p>\n<p><font face=\"Verdana\" size=\"2\">CONFLICTO INTER\u00c9TNICO Competencia de la Direcci\u00f3n de Asuntos Ind\u00edgenas, Rom y \nMinor\u00edas del Ministerio del Interior <a href=\"https:\/\/www.dmsjuridica.com\/JURISPRUDENCIA\/CORTE_CONSTITUCIONAL\/docs\/2025\/T-050-25.html\">\nT-050\/25<\/a>&nbsp; &#8211; \n<a href=\"https:\/\/www.dmsjuridica.com\/JURISPRUDENCIA\/CORTE_CONSTITUCIONAL\/docs\/2025\/T-081-25.html\">\nT-081\/25<\/a> <br>\n&nbsp;<\/font><\/p>\n<p><font face=\"Verdana\" size=\"2\">CONSENTIMIENTO SUSTITUTO EN SALUD Autorizaci\u00f3n de procedimientos m\u00e9dicos a \npacientes que no pueden expresar su voluntad <a href=\"https:\/\/www.dmsjuridica.com\/JURISPRUDENCIA\/CORTE_CONSTITUCIONAL\/docs\/2025\/T-026-25.html\">\nT-026\/25<\/a>&nbsp; &#8211; \n<a href=\"https:\/\/www.dmsjuridica.com\/JURISPRUDENCIA\/CORTE_CONSTITUCIONAL\/docs\/2025\/T-057-25.html\">\nT-057\/25<\/a> <br>\n&nbsp;<\/font><\/p>\n<p><font face=\"Verdana\" size=\"2\">CONTEXTO DE CRISIS Y GRAVES VULNERACIONES A LOS DERECHOS HUMANOS Movilidad \nhumana de personas provenientes de Nigeria <a href=\"https:\/\/www.dmsjuridica.com\/JURISPRUDENCIA\/CORTE_CONSTITUCIONAL\/docs\/2025\/T-156-25.html\">\nT-156\/25<\/a> <br>\n&nbsp;<\/font><\/p>\n<p><font face=\"Verdana\" size=\"2\">CONTRATO REALIDAD Aplicaci\u00f3n de la teor\u00eda de los indicios \n<a href=\"https:\/\/www.dmsjuridica.com\/JURISPRUDENCIA\/CORTE_CONSTITUCIONAL\/docs\/2025\/T-132-25.html\">\nT-132\/25<\/a>&nbsp; &#8211;\n<a href=\"https:\/\/www.dmsjuridica.com\/JURISPRUDENCIA\/CORTE_CONSTITUCIONAL\/docs\/2025\/T-090-25.html\">\nT-090\/25<\/a> <\/font> <\/p>\n<p><font face=\"Verdana\" size=\"2\">CONTROL CONSTITUCIONAL Requisitos para ampliar el objeto de control \n<a href=\"https:\/\/www.dmsjuridica.com\/JURISPRUDENCIA\/CORTE_CONSTITUCIONAL\/docs\/2025\/C-052-25.html\">\nC-052\/25<\/a> <br>\n&nbsp;<\/font><\/p>\n<p><font face=\"Verdana\" size=\"2\">CONVENCION PARA LA ELIMINACION DE TODAS LAS FORMAS DE DISCRIMINACION CONTRA \nLA MUJER Contenido y alcance <a href=\"https:\/\/www.dmsjuridica.com\/JURISPRUDENCIA\/CORTE_CONSTITUCIONAL\/docs\/2025\/C-039-25.html\">\nC-039\/25<\/a> <br>\n&nbsp;<\/font><\/p>\n<p><font face=\"Verdana\" size=\"2\">CONVENCION PARA LA ELIMINACION DE TODAS LAS FORMAS DE DISCRIMINACION CONTRA \nLA MUJER Compromisos del Estado <a href=\"https:\/\/www.dmsjuridica.com\/JURISPRUDENCIA\/CORTE_CONSTITUCIONAL\/docs\/2025\/C-039-25.html\">\nC-039\/25<\/a> <br>\n&nbsp;<\/font><\/p>\n<p><font face=\"Verdana\" size=\"2\">CONVENIOS DE GINEBRA Naturaleza de los acuerdos especiales del art\u00edculo 3 \ncom\u00fan <a href=\"https:\/\/www.dmsjuridica.com\/JURISPRUDENCIA\/CORTE_CONSTITUCIONAL\/docs\/2025\/C-036-25.html\">\nC-036\/25<\/a> <br>\n&nbsp;<\/font><\/p>\n<p><font face=\"Verdana\" size=\"2\">CORPORACIONES PUBLICAS DE ELECCION POPULAR Reglas constitucionales sobre \ntransmisi\u00f3n de sesiones <a href=\"https:\/\/www.dmsjuridica.com\/JURISPRUDENCIA\/CORTE_CONSTITUCIONAL\/docs\/2025\/T-230-25.html\">\nT-230\/25<\/a> <br>\n&nbsp;<\/font><\/p>\n<p><font face=\"Verdana\" size=\"2\">COSA JUZGADA EN MATERIA DE TUTELA Inexistencia para el caso \n<a href=\"https:\/\/www.dmsjuridica.com\/JURISPRUDENCIA\/CORTE_CONSTITUCIONAL\/docs\/2025\/T-233-25.html\">\nT-233\/25<\/a><br>\n&nbsp;<\/font><\/p>\n<p><font face=\"Verdana\" size=\"2\">CUIDADOS COMUNITARIOS Concepto <a href=\"https:\/\/www.dmsjuridica.com\/JURISPRUDENCIA\/CORTE_CONSTITUCIONAL\/docs\/2025\/T-226-25.html\">\nT-226\/25<\/a> <br>\n&nbsp;<\/font><\/p>\n<p><font face=\"Verdana\" size=\"2\">DEBIDO PROCESO ADMINISTRATIVO EN MATERIA POLICIVA Aplicaci\u00f3n en el tr\u00e1mite de \npermiso excepcional <a href=\"https:\/\/www.dmsjuridica.com\/JURISPRUDENCIA\/CORTE_CONSTITUCIONAL\/docs\/2025\/T-237-25.html\">\nT-237\/25<\/a> <br>\n&nbsp;<\/font><\/p>\n<p><font face=\"Verdana\" size=\"2\">DEBIDO PROCESO ADMINISTRATIVO Inscripci\u00f3n del registro civil de defunci\u00f3n \n<a href=\"https:\/\/www.dmsjuridica.com\/JURISPRUDENCIA\/CORTE_CONSTITUCIONAL\/docs\/2025\/T-015-25.html\">\nT-015\/25<\/a> <br>\n&nbsp;<\/font><\/p>\n<p><font face=\"Verdana\" size=\"2\">DEBIDO PROCESO ADMINISTRATIVO SANCIONATORIO EN MATERIA MIGRATORIA Deber de \ngestionar y resolver las quejas presentadas <a href=\"https:\/\/www.dmsjuridica.com\/JURISPRUDENCIA\/CORTE_CONSTITUCIONAL\/docs\/2025\/T-159-25.html\">\nT-159\/25<\/a> <br>\n&nbsp;<\/font><\/p>\n<p><font face=\"Verdana\" size=\"2\">DEBIDO PROCESO ADMINISTRATIVO SANCIONATORIO EN MATERIA MIGRATORIA Obligaci\u00f3n \nde ofrecer los servicios de traductor o int\u00e9rprete oficial y la oportunidad de \nuna defensa t\u00e9cnica adecuada <a href=\"https:\/\/www.dmsjuridica.com\/JURISPRUDENCIA\/CORTE_CONSTITUCIONAL\/docs\/2025\/T-159-25.html\">\nT-159\/25<\/a> <br>\n&nbsp;<\/font><\/p>\n<p><font face=\"Verdana\" size=\"2\">DECRETO LEGISLATIVO EXPEDIDO EN DESARROLLO DEL ESTADO DE CONMOCI\u00d3N INTERIOR \nEN LA REGI\u00d3N DEL CATATUMBO No cumple el requisito formal que exige la firma del \nPresidente y de todos los ministros <a href=\"https:\/\/www.dmsjuridica.com\/JURISPRUDENCIA\/CORTE_CONSTITUCIONAL\/docs\/2025\/C-207-25.html\">\nC-207\/25<\/a>&nbsp; &#8211; \n<a href=\"https:\/\/www.dmsjuridica.com\/JURISPRUDENCIA\/CORTE_CONSTITUCIONAL\/docs\/2025\/C-220-25.html\">\nC-220\/25<\/a> <br>\n&nbsp;<\/font><\/p>\n<p><font face=\"Verdana\" size=\"2\">DECRETO LEGISLATIVO EXPEDIDO EN DESARROLLO DEL ESTADO DE CONMOCI\u00d3N INTERIOR \nEN LA REGI\u00d3N DEL CATATUMBO Inexequible <a href=\"https:\/\/www.dmsjuridica.com\/JURISPRUDENCIA\/CORTE_CONSTITUCIONAL\/docs\/2025\/C-207-25.html\">\nC-207\/25<\/a>&nbsp; &#8211; \n<a href=\"https:\/\/www.dmsjuridica.com\/JURISPRUDENCIA\/CORTE_CONSTITUCIONAL\/docs\/2025\/C-220-25.html\">\nC-220\/25<\/a> <br>\n&nbsp;<\/font><\/p>\n<p><font face=\"Verdana\" size=\"2\">DEFECTO POR DESCONOCIMIENTO DEL PRECEDENTE CONSTITUCIONAL Deber de valorar la \nrazonabilidad y proporcionalidad de la medida privativa de la libertad \n<a href=\"https:\/\/www.dmsjuridica.com\/JURISPRUDENCIA\/CORTE_CONSTITUCIONAL\/docs\/2025\/SU054-25.html\">\nSU.054\/25<\/a> <br>\n&nbsp;<\/font><\/p>\n<p><font face=\"Verdana\" size=\"2\">DEMANDA DE INCONSTITUCIONALIDAD CONTRA LA LEY 1551 DE 2012 Estarse a lo \nresuelto en la sentencia C-208 de 2025 <a href=\"https:\/\/www.dmsjuridica.com\/JURISPRUDENCIA\/CORTE_CONSTITUCIONAL\/docs\/2025\/C-209-25.html\">\nC-209\/25<\/a> <br>\n&nbsp;<\/font><\/p>\n<p><font face=\"Verdana\" size=\"2\">DEMANDA DE INCONSTITUCIONALIDAD CONTRA NORMA DEL C\u00d3DIGO GENERAL DISCIPLINARIO \nInhibici\u00f3n por ineptitud sustantiva de la demanda \n<a href=\"https:\/\/www.dmsjuridica.com\/JURISPRUDENCIA\/CORTE_CONSTITUCIONAL\/docs\/2025\/C-101-25.html\">\nC-101\/25<\/a> <br>\n&nbsp;<\/font><\/p>\n<p><font face=\"Verdana\" size=\"2\">DERECHO A INTENTAR UN PROCEDIMIENTO M\u00c9DICO EXPERIMENTAL Alcance y l\u00edmites \n<a href=\"https:\/\/www.dmsjuridica.com\/JURISPRUDENCIA\/CORTE_CONSTITUCIONAL\/docs\/2025\/T-026-25.html\">\nT-026\/25<\/a> <br>\n&nbsp;<\/font><\/p>\n<p><font face=\"Verdana\" size=\"2\">DERECHO A LA ALIMENTACI\u00d3N EN LA PRIMERA INFANCIA Garant\u00eda para el desarrollo \nadecuado de los ni\u00f1os y ni\u00f1as <a href=\"https:\/\/www.dmsjuridica.com\/JURISPRUDENCIA\/CORTE_CONSTITUCIONAL\/docs\/2025\/T-058-25.html\">\nT-058\/25<\/a> <br>\n&nbsp;<\/font><\/p>\n<p><font face=\"Verdana\" size=\"2\">DERECHO A LA AUTODETERMINACI\u00d3N REPRODUCTIVA Manifestaci\u00f3n de voluntad \nexpresa, para el uso del material gen\u00e9tico post mortem \n<a href=\"https:\/\/www.dmsjuridica.com\/JURISPRUDENCIA\/CORTE_CONSTITUCIONAL\/docs\/2025\/T-163-25.html\">\nT-163\/25<\/a> <br>\n&nbsp;<\/font><\/p>\n<p><font face=\"Verdana\" size=\"2\">DERECHO A LA CAPACIDAD LEGAL, AL DEBIDO PROCESO Y AL ACCESO A LA \nADMINISTRACI\u00d3N DE JUSTICIA Implementaci\u00f3n de ajustes razonables y apoyos para la \nvinculaci\u00f3n de personas en situaci\u00f3n de discapacidad \n<a href=\"https:\/\/www.dmsjuridica.com\/JURISPRUDENCIA\/CORTE_CONSTITUCIONAL\/docs\/2025\/T-199-25.html\">\nT-199\/25<\/a> <br>\n&nbsp;<\/font><\/p>\n<p><font face=\"Verdana\" size=\"2\">DERECHO A LA CONSULTA PREVIA Afectaci\u00f3n directa por disposiciones del \nordenamiento territorial <a href=\"https:\/\/www.dmsjuridica.com\/JURISPRUDENCIA\/CORTE_CONSTITUCIONAL\/docs\/2025\/T-012-25.html\">\nT-012\/25<\/a> <br>\n&nbsp;<\/font><\/p>\n<p><font face=\"Verdana\" size=\"2\">DERECHO A LA EDUCACI\u00d3N Aplicaci\u00f3n de principios de buena fe y confianza \nleg\u00edtima en tr\u00e1mite de legalizaci\u00f3n de documentos de estudio \n<a href=\"https:\/\/www.dmsjuridica.com\/JURISPRUDENCIA\/CORTE_CONSTITUCIONAL\/docs\/2025\/T-150-25.html\">\nT-150\/25<\/a> <br>\n&nbsp;<\/font><\/p>\n<p><font face=\"Verdana\" size=\"2\">DERECHO A LA EDUCACION DE NI\u00d1OS, NI\u00d1AS Y ADOLESCENTES Deber de atender y \nacompa\u00f1ar estudiante con antecedentes de intento de suicidio \n<a href=\"https:\/\/www.dmsjuridica.com\/JURISPRUDENCIA\/CORTE_CONSTITUCIONAL\/docs\/2025\/T-082-25.html\">\nT-082\/25<\/a> <br>\n&nbsp;<\/font><\/p>\n<p><font face=\"Verdana\" size=\"2\">DERECHO A LA EDUCACION DE NI\u00d1OS, NI\u00d1AS Y ADOLESCENTES EN EL SECTOR RURAL \nInaplicaci\u00f3n de norma que exige un n\u00famero m\u00ednimo de estudiantes para la \ndesignaci\u00f3n de docentes <a href=\"https:\/\/www.dmsjuridica.com\/JURISPRUDENCIA\/CORTE_CONSTITUCIONAL\/docs\/2025\/T-108-25.html\">\nT-108\/25<\/a> <br>\n&nbsp;<\/font><\/p>\n<p><font face=\"Verdana\" size=\"2\">DERECHO A LA EDUCACION DE NI\u00d1OS, NI\u00d1AS Y ADOLESCENTES L\u00edmites en los \ncontratos de matr\u00edcula educativa <a href=\"https:\/\/www.dmsjuridica.com\/JURISPRUDENCIA\/CORTE_CONSTITUCIONAL\/docs\/2025\/T-040-25.html\">\nT-040\/25<\/a> <br>\n&nbsp;<\/font><\/p>\n<p><font face=\"Verdana\" size=\"2\">DERECHO A LA EDUCACION DE NI\u00d1OS, NI\u00d1AS Y ADOLESCENTES Modalidades de estudio \npresencial y virtual <a href=\"https:\/\/www.dmsjuridica.com\/JURISPRUDENCIA\/CORTE_CONSTITUCIONAL\/docs\/2025\/T-040-25.html\">\nT-040\/25<\/a> <br>\n&nbsp;<\/font><\/p>\n<p><font face=\"Verdana\" size=\"2\">DERECHO A LA EDUCACION DE NI\u00d1OS, NI\u00d1AS Y ADOLESCENTES Vulneraci\u00f3n por \nimplementar clases virtuales de manera indefinida a estudiante v\u00edctima de acoso \nescolar <a href=\"https:\/\/www.dmsjuridica.com\/JURISPRUDENCIA\/CORTE_CONSTITUCIONAL\/docs\/2025\/T-040-25.html\">\nT-040\/25<\/a> <br>\n&nbsp;<\/font><\/p>\n<p><font face=\"Verdana\" size=\"2\">DERECHO A LA EDUCACI\u00d3N INCLUSIVA DE NI\u00d1OS, NI\u00d1AS Y ADOLESCENTES Deber del \nMinisterio de Educaci\u00f3n de realizar seguimiento a la ejecuci\u00f3n de las \nestrategias de atenci\u00f3n a estudiantes con discapacidad \n<a href=\"https:\/\/www.dmsjuridica.com\/JURISPRUDENCIA\/CORTE_CONSTITUCIONAL\/docs\/2025\/T-049-25.html\">\nT-049\/25<\/a> &#8211; \n<a href=\"https:\/\/www.dmsjuridica.com\/JURISPRUDENCIA\/CORTE_CONSTITUCIONAL\/docs\/2025\/T-171-25.html\">\nT-171\/25<\/a> <br>\n&nbsp;<\/font><\/p>\n<p><font face=\"Verdana\" size=\"2\">DERECHO A LA EDUCACI\u00d3N INCLUSIVA Deber de implementar ajustes razonables a \nni\u00f1os, ni\u00f1as y adolescentes con Trastorno por D\u00e9ficit de Atenci\u00f3n e \nHiperactividad (TDAH) T-040\/25 &#8211; <a href=\"https:\/\/www.dmsjuridica.com\/JURISPRUDENCIA\/CORTE_CONSTITUCIONAL\/docs\/2025\/T-171-25.html\">\nT-171\/25<\/a> <br>\n&nbsp;<\/font><\/p>\n<p><font face=\"Verdana\" size=\"2\">DERECHO A LA EDUCACI\u00d3N INCLUSIVA Excepcionalidad del estudio en modalidad \nvirtual para ni\u00f1os, ni\u00f1as y adolescentes <a href=\"https:\/\/www.dmsjuridica.com\/JURISPRUDENCIA\/CORTE_CONSTITUCIONAL\/docs\/2025\/T-040-25.html\">\nT-040\/25<\/a> <br>\n&nbsp;<\/font><\/p>\n<p><font face=\"Verdana\" size=\"2\">DERECHO A LA EDUCACI\u00d3N SUPERIOR Caracterizaci\u00f3n del proceso de convalidaci\u00f3n \ndel t\u00edtulo universitario de abogado obtenido en el extranjero \n<a href=\"https:\/\/www.dmsjuridica.com\/JURISPRUDENCIA\/CORTE_CONSTITUCIONAL\/docs\/2025\/T-075-25.html\">\nT-075\/25<\/a> <br>\n&nbsp;<\/font><\/p>\n<p><font face=\"Verdana\" size=\"2\">DERECHO A LA EDUCACI\u00d3N SUPERIOR DE PERSONAS EN SITUACI\u00d3N DE DISCAPACIDAD \nImplementaci\u00f3n de ajustes razonables como garant\u00eda de permanencia \n<a href=\"https:\/\/www.dmsjuridica.com\/JURISPRUDENCIA\/CORTE_CONSTITUCIONAL\/docs\/2025\/T-083-25.html\">\nT-083\/25<\/a> <br>\n<a href=\"https:\/\/www.dmsjuridica.com\/JURISPRUDENCIA\/CORTE_CONSTITUCIONAL\/docs\/2025\/T-285-25.html\">\nT-285\/25<\/a> <br>\n&nbsp;<\/font><\/p>\n<p><font face=\"Verdana\" size=\"2\">DERECHO A LA EDUCACI\u00d3N SUPERIOR DE PERSONAS EN SITUACI\u00d3N DE DISCAPACIDAD \nProtecci\u00f3n mediante ajustes razonables y acciones afirmativas en los procesos de \nselecci\u00f3n y admisi\u00f3n <a href=\"https:\/\/www.dmsjuridica.com\/JURISPRUDENCIA\/CORTE_CONSTITUCIONAL\/docs\/2025\/T-083-25.html\">\nT-083\/25<\/a> <br>\n&nbsp;<\/font><\/p>\n<p><font face=\"Verdana\" size=\"2\">DERECHO A LA EDUCACI\u00d3N SUPERIOR Vulneraci\u00f3n al impedir la convalidaci\u00f3n del \nt\u00edtulo universitario de abogado obtenido en el extranjero \n<a href=\"https:\/\/www.dmsjuridica.com\/JURISPRUDENCIA\/CORTE_CONSTITUCIONAL\/docs\/2025\/T-075-25.html\">\nT-075\/25<\/a> <br>\n&nbsp;<\/font><\/p>\n<p><font face=\"Verdana\" size=\"2\">DERECHO A LA EDUCACI\u00d3N, ALIMENTACI\u00d3N Y CUIDADO EN LA PRIMERA INFANCIA \nProtecci\u00f3n a trav\u00e9s de Hogares Comunitarios de Bienestar \n<a href=\"https:\/\/www.dmsjuridica.com\/JURISPRUDENCIA\/CORTE_CONSTITUCIONAL\/docs\/2025\/T-058-25.html\">\nT-058\/25<\/a> <br>\n&nbsp;<\/font><\/p>\n<p><font face=\"Verdana\" size=\"2\">DERECHO A LA ESTABILIDAD LABORAL INTERMEDIA Deber de motivar el acto de \ndesvinculaci\u00f3n de sujetos de especial protecci\u00f3n constitucional que ocupan \ncargos en provisionalidad <a href=\"https:\/\/www.dmsjuridica.com\/JURISPRUDENCIA\/CORTE_CONSTITUCIONAL\/docs\/2025\/T-061-25.html\">\nT-061\/25<\/a>&nbsp; &#8211; \n<a href=\"https:\/\/www.dmsjuridica.com\/JURISPRUDENCIA\/CORTE_CONSTITUCIONAL\/docs\/2025\/T-024-25.html\">\nT-024\/25<\/a> <br>\n&nbsp;<\/font><\/p>\n<p><font face=\"Verdana\" size=\"2\">DERECHO A LA ESTABILIDAD LABORAL INTERMEDIA O RELATIVA PARA SERVIDORES \nP\u00daBLICOS EN PROVISIONALIDAD Deber de verificar condiciones de debilidad \nmanifiesta para el reconocimiento de acciones afirmativas \n<a href=\"https:\/\/www.dmsjuridica.com\/JURISPRUDENCIA\/CORTE_CONSTITUCIONAL\/docs\/2025\/T-064-25.html\">\nT-064\/25<\/a> <br>\n&nbsp;<\/font><\/p>\n<p><font face=\"Verdana\" size=\"2\">DERECHO A LA ESTABILIDAD LABORAL INTERMEDIA Reintegro para madres y padres \ncabeza de hogar que ocupan cargos provisionales \n<a href=\"https:\/\/www.dmsjuridica.com\/JURISPRUDENCIA\/CORTE_CONSTITUCIONAL\/docs\/2025\/T-061-25.html\">\nT-061\/25<\/a>&nbsp; &#8211; \n<a href=\"https:\/\/www.dmsjuridica.com\/JURISPRUDENCIA\/CORTE_CONSTITUCIONAL\/docs\/2025\/T-064-25.html\">\nT-064\/25<\/a> <br>\n&nbsp;<\/font><\/p>\n<p><font face=\"Verdana\" size=\"2\">DERECHO A LA ESTABILIDAD LABORAL REFORZADA Alcance de la garant\u00eda en procesos \nde liquidaci\u00f3n de la empleadora <a href=\"https:\/\/www.dmsjuridica.com\/JURISPRUDENCIA\/CORTE_CONSTITUCIONAL\/docs\/2025\/T-090-25.html\">\nT-090\/25<\/a> <br>\n&nbsp;<\/font><\/p>\n<p><font face=\"Verdana\" size=\"2\">DERECHO A LA ESTABILIDAD LABORAL REFORZADA DE MUJER EMBARAZADA Ausencia de \nprotecci\u00f3n integral gener\u00f3 una renuncia inducida, obligatoria y no voluntaria \n<a href=\"https:\/\/www.dmsjuridica.com\/JURISPRUDENCIA\/CORTE_CONSTITUCIONAL\/docs\/2025\/T-045-25.html\">\nT-045\/25<\/a> <br>\n&nbsp;<\/font><\/p>\n<p><font face=\"Verdana\" size=\"2\">DERECHO A LA ESTABILIDAD LABORAL REFORZADA Nulidad de la renuncia voluntaria \nal trabajo, cuando existe vicio del consentimiento \n<a href=\"https:\/\/www.dmsjuridica.com\/JURISPRUDENCIA\/CORTE_CONSTITUCIONAL\/docs\/2025\/T-045-25.html\">\nT-045\/25<\/a> <br>\n&nbsp;<\/font><\/p>\n<p><font face=\"Verdana\" size=\"2\">DERECHO A LA ESTABILIDAD LABORAL REFORZADA POR RAZONES DE SALUD Contexto de \nla situaci\u00f3n de control administrativo para autorizar el despido de trabajadores \ncobijados por fuero de salud <a href=\"https:\/\/www.dmsjuridica.com\/JURISPRUDENCIA\/CORTE_CONSTITUCIONAL\/docs\/2025\/SU111-25.html\">\nSU.111\/25<\/a> <br>\n&nbsp;<\/font><\/p>\n<p><font face=\"Verdana\" size=\"2\">DERECHO A LA ESTABILIDAD LABORAL REFORZADA POR RAZONES DE SALUD Derecho \nirrenunciable <a href=\"https:\/\/www.dmsjuridica.com\/JURISPRUDENCIA\/CORTE_CONSTITUCIONAL\/docs\/2025\/SU111-25.html\">\nSU.111\/25<\/a> <br>\n&nbsp;<\/font><\/p>\n<p><font face=\"Verdana\" size=\"2\">DERECHO A LA ESTABILIDAD LABORAL REFORZADA POR RAZONES DE SALUD Enfoque \nconstitucional <a href=\"https:\/\/www.dmsjuridica.com\/JURISPRUDENCIA\/CORTE_CONSTITUCIONAL\/docs\/2025\/SU111-25.html\">\nSU.111\/25<\/a> <br>\n&nbsp;<\/font><\/p>\n<p><font face=\"Verdana\" size=\"2\">DERECHO A LA ESTABILIDAD LABORAL REFORZADA POR RAZONES DE SALUD Panorama \nfrente a riesgos laborales del fuero de salud <a href=\"https:\/\/www.dmsjuridica.com\/JURISPRUDENCIA\/CORTE_CONSTITUCIONAL\/docs\/2025\/SU111-25.html\">\nSU.111\/25<\/a> <br>\n&nbsp;<\/font><\/p>\n<p><font face=\"Verdana\" size=\"2\">DERECHO A LA ESTABILIDAD LABORAL REFORZADA POR RAZONES DE SALUD Terminaci\u00f3n \nde la relaci\u00f3n de trabajo por acuerdo de voluntades, exige permiso de la \nautoridad competente <a href=\"https:\/\/www.dmsjuridica.com\/JURISPRUDENCIA\/CORTE_CONSTITUCIONAL\/docs\/2025\/SU111-25.html\">\nSU.111\/25<\/a> <br>\n&nbsp;<\/font><\/p>\n<p><font face=\"Verdana\" size=\"2\">DERECHO A LA ESTABILIDAD LABORAL REFORZADA Protecci\u00f3n en contexto de \nsustituci\u00f3n patronal <a href=\"https:\/\/www.dmsjuridica.com\/JURISPRUDENCIA\/CORTE_CONSTITUCIONAL\/docs\/2025\/T-090-25.html\">\nT-090\/25<\/a> <br>\n&nbsp;<\/font><\/p>\n<p><font face=\"Verdana\" size=\"2\">DERECHO A LA IDENTIDAD \u00c9TNICA Y CULTURAL Afectaci\u00f3n por separaci\u00f3n del \nentorno comunitario y familiar <a href=\"https:\/\/www.dmsjuridica.com\/JURISPRUDENCIA\/CORTE_CONSTITUCIONAL\/docs\/2025\/T-233-25.html\">\nT-233\/25<\/a> <br>\n&nbsp;<\/font><\/p>\n<p><font face=\"Verdana\" size=\"2\">DERECHO A LA IGUALDAD Y NO DISCRIMINACION DE PERSONAS EN SITUACION DE \nDISCAPACIDAD Deber de garantizar la accesibilidad en lugares abiertos al p\u00fablico \n<a href=\"https:\/\/www.dmsjuridica.com\/JURISPRUDENCIA\/CORTE_CONSTITUCIONAL\/docs\/2025\/T-006-25.html\">\nT-006\/25<\/a> <br>\n&nbsp;<\/font><\/p>\n<p><font face=\"Verdana\" size=\"2\">DERECHO A LA IGUALDAD Y NO DISCRIMINACI\u00d3N DE PERSONAS EN SITUACI\u00d3N DE \nDISCAPACIDAD Vulneraci\u00f3n por exclusi\u00f3n de deportistas sordos \n<a href=\"https:\/\/www.dmsjuridica.com\/JURISPRUDENCIA\/CORTE_CONSTITUCIONAL\/docs\/2025\/T-286-25.html\">\nT-286\/25<\/a> <br>\n&nbsp;<\/font><\/p>\n<p><font face=\"Verdana\" size=\"2\">DERECHO A LA INTIMIDAD EN SISTEMAS DE INTELIGENCIA ARTIFICIAL (IA) Alcance de \nla privacidad en el manejo de informaci\u00f3n <a href=\"https:\/\/www.dmsjuridica.com\/JURISPRUDENCIA\/CORTE_CONSTITUCIONAL\/docs\/2025\/T-067-25.html\">\nT-067\/25<\/a> <br>\n&nbsp;<\/font><\/p>\n<p><font face=\"Verdana\" size=\"2\">DERECHO A LA INTIMIDAD Y HABEAS DATA Vulneraci\u00f3n por instalaci\u00f3n de c\u00e1maras \nde videovigilancia en aulas de clase <a href=\"https:\/\/www.dmsjuridica.com\/JURISPRUDENCIA\/CORTE_CONSTITUCIONAL\/docs\/2025\/T-170-25.html\">\nT-170\/25<\/a> <br>\n&nbsp;<\/font><\/p>\n<p><font face=\"Verdana\" size=\"2\">DERECHO A LA LACTANCIA MATERNA Condiciones del descanso remunerado \n<a href=\"https:\/\/www.dmsjuridica.com\/JURISPRUDENCIA\/CORTE_CONSTITUCIONAL\/docs\/2025\/T-169-25.html\">\nT-169\/25<\/a> <br>\n&nbsp;<\/font><\/p>\n<p><font face=\"Verdana\" size=\"2\">DERECHO A LA LACTANCIA MATERNA Especial protecci\u00f3n constitucional \n<a href=\"https:\/\/www.dmsjuridica.com\/JURISPRUDENCIA\/CORTE_CONSTITUCIONAL\/docs\/2025\/T-169-25.html\">\nT-169\/25<\/a> <br>\n&nbsp;<\/font><\/p>\n<p><font face=\"Verdana\" size=\"2\">DERECHO A LA LACTANCIA MATERNA Importancia <a href=\"https:\/\/www.dmsjuridica.com\/JURISPRUDENCIA\/CORTE_CONSTITUCIONAL\/docs\/2025\/T-169-25.html\">\nT-169\/25<\/a> <br>\n&nbsp;<\/font><\/p>\n<p><font face=\"Verdana\" size=\"2\">DERECHO A LA LACTANCIA MATERNA Obligaciones del empleador en el entorno \nlaboral <a href=\"https:\/\/www.dmsjuridica.com\/JURISPRUDENCIA\/CORTE_CONSTITUCIONAL\/docs\/2025\/T-169-25.html\">\nT-169\/25<\/a> <br>\n&nbsp;<\/font><\/p>\n<p><font face=\"Verdana\" size=\"2\">DERECHO A LA LACTANCIA MATERNA Prohibici\u00f3n de discriminaci\u00f3n a la mujer en el \nentorno laboral <a href=\"https:\/\/www.dmsjuridica.com\/JURISPRUDENCIA\/CORTE_CONSTITUCIONAL\/docs\/2025\/T-169-25.html\">\nT-169\/25<\/a> <br>\n&nbsp;<\/font><\/p>\n<p><font face=\"Verdana\" size=\"2\">DERECHO A LA LIBERTAD DE EXPRESION EN EL CONTEXTO DE LAS NUEVAS TECNOLOGIAS \nMedidas constitucionales para evitar la desinformaci\u00f3n \n<a href=\"https:\/\/www.dmsjuridica.com\/JURISPRUDENCIA\/CORTE_CONSTITUCIONAL\/docs\/2025\/T-230-25.html\">\nT-230\/25<\/a> <br>\n&nbsp;<\/font><\/p>\n<p><font face=\"Verdana\" size=\"2\">DERECHO A LA LIBERTAD PERSONAL Garant\u00eda m\u00ednimas en el contexto de la \nmigraci\u00f3n en tr\u00e1nsito <a href=\"https:\/\/www.dmsjuridica.com\/JURISPRUDENCIA\/CORTE_CONSTITUCIONAL\/docs\/2025\/T-060-25.html\">\nT-060\/25<\/a> <br>\n&nbsp;<\/font><\/p>\n<p><font face=\"Verdana\" size=\"2\">DERECHO A LA LIBERTAD PERSONAL Vulneraci\u00f3n por medida migratoria de \nrestricci\u00f3n prolongada de la movilidad <a href=\"https:\/\/www.dmsjuridica.com\/JURISPRUDENCIA\/CORTE_CONSTITUCIONAL\/docs\/2025\/T-060-25.html\">\nT-060\/25<\/a> <br>\n&nbsp;<\/font><\/p>\n<p><font face=\"Verdana\" size=\"2\">DERECHO A LA LIBERTAD RELIGIOSA Y DE CULTOS Deberes probatorios del juez \nconstitucional al conceder la protecci\u00f3n <a href=\"https:\/\/www.dmsjuridica.com\/JURISPRUDENCIA\/CORTE_CONSTITUCIONAL\/docs\/2025\/T-271-25.html\">\nT-271\/25<\/a> <br>\n&nbsp;<\/font><\/p>\n<p><font face=\"Verdana\" size=\"2\">DERECHO A LA MUERTE DIGNA DE MENORES DE EDAD Deber de verificar los \nrequisitos necesarios para autorizar el procedimiento eutan\u00e1sico en ni\u00f1os, ni\u00f1as \ny adolescentes <a href=\"https:\/\/www.dmsjuridica.com\/JURISPRUDENCIA\/CORTE_CONSTITUCIONAL\/docs\/2025\/T-057-25.html\">\nT-057\/25<\/a> <br>\n&nbsp;<\/font><\/p>\n<p><font face=\"Verdana\" size=\"2\">DERECHO A LA NO DEVOLUCI\u00d3N Garant\u00eda que implica el deber de otorgar medidas \ncomplementarias de protecci\u00f3n <a href=\"https:\/\/www.dmsjuridica.com\/JURISPRUDENCIA\/CORTE_CONSTITUCIONAL\/docs\/2025\/T-156-25.html\">\nT-156\/25<\/a> <br>\n&nbsp;<\/font><\/p>\n<p><font face=\"Verdana\" size=\"2\">DERECHO A LA NO DEVOLUCI\u00d3N Obligaciones de las autoridades migratorias \n<a href=\"https:\/\/www.dmsjuridica.com\/JURISPRUDENCIA\/CORTE_CONSTITUCIONAL\/docs\/2025\/T-060-25.html\">\nT-060\/25<\/a>&nbsp; &#8211; \n<a href=\"https:\/\/www.dmsjuridica.com\/JURISPRUDENCIA\/CORTE_CONSTITUCIONAL\/docs\/2025\/T-156-25.html\">\nT-156\/25<\/a> <br>\n&nbsp;<\/font><\/p>\n<p><font face=\"Verdana\" size=\"2\">DERECHO A LA PARTICIPACION DE COMUNIDADES ETNICAMENTE DIFERENCIADAS Deber de \ngarantizar espacios de participaci\u00f3n y de acceso a informaci\u00f3n, mediante enfoque \n\u00e9tnico <a href=\"https:\/\/www.dmsjuridica.com\/JURISPRUDENCIA\/CORTE_CONSTITUCIONAL\/docs\/2025\/T-189-25.html\">\nT-189\/25<\/a> <br>\n&nbsp;<\/font><\/p>\n<p><font face=\"Verdana\" size=\"2\">DERECHO A LA PARTICIPACI\u00d3N EN POL\u00cdTICA Configuraci\u00f3n de violencia pol\u00edtica \ncontra mujer de comunidad \u00e9tnica <a href=\"https:\/\/www.dmsjuridica.com\/JURISPRUDENCIA\/CORTE_CONSTITUCIONAL\/docs\/2025\/T-149-25.html\">\nT-149\/25<\/a> <br>\n&nbsp;<\/font><\/p>\n<p><font face=\"Verdana\" size=\"2\">DERECHO A LA PARTICIPACION POLITICA Uso de tecnolog\u00edas de las comunicaciones \npara implementar la democracia digital <a href=\"https:\/\/www.dmsjuridica.com\/JURISPRUDENCIA\/CORTE_CONSTITUCIONAL\/docs\/2025\/T-149-25.html\">\nT-149\/25<\/a> <br>\n&nbsp;<\/font><\/p>\n<p><font face=\"Verdana\" size=\"2\">DERECHO A LA PENSI\u00d3N DE INVALIDEZ Contabilizaci\u00f3n de las semanas cotizadas \ndurante los periodos de incapacidad m\u00e9dica <a href=\"https:\/\/www.dmsjuridica.com\/JURISPRUDENCIA\/CORTE_CONSTITUCIONAL\/docs\/2025\/T-095-25.html\">\nT-095\/25<\/a> <br>\n&nbsp;<\/font><\/p>\n<p><font face=\"Verdana\" size=\"2\">DERECHO A LA PENSI\u00d3N DE INVALIDEZ Vulneraci\u00f3n por suspender la prestaci\u00f3n al \nmodificar la fecha de estructuraci\u00f3n de la p\u00e9rdida de capacidad laboral (PCL) \n<a href=\"https:\/\/www.dmsjuridica.com\/JURISPRUDENCIA\/CORTE_CONSTITUCIONAL\/docs\/2025\/T-160-25.html\">\nT-160\/25<\/a> <br>\n&nbsp;<\/font><\/p>\n<p><font face=\"Verdana\" size=\"2\">DERECHO A LA PERSONALIDAD JURIDICA Importancia del nombre y de la identidad \npara las v\u00edctimas de trata de personas <a href=\"https:\/\/www.dmsjuridica.com\/JURISPRUDENCIA\/CORTE_CONSTITUCIONAL\/docs\/2025\/T-066-25.html\">\nT-066\/25<\/a> <br>\n&nbsp;<\/font><\/p>\n<p><font face=\"Verdana\" size=\"2\">DERECHO A LA PERSONALIDAD JURIDICA Y AL DEBIDO PROCESO EN CASOS DE MULTIPLE \nCEDULACION Alcance del deber de considerar la situaci\u00f3n de vulnerabilidad de las \npersonas afectadas <a href=\"https:\/\/www.dmsjuridica.com\/JURISPRUDENCIA\/CORTE_CONSTITUCIONAL\/docs\/2025\/T-066-25.html\">\nT-066\/25<\/a> <br>\n&nbsp;<\/font><\/p>\n<p><font face=\"Verdana\" size=\"2\">DERECHO A LA PERSONALIDAD JURIDICA Y AL DEBIDO PROCESO EN CASOS DE MULTIPLE \nCEDULACION Preponderancia del nombre y documento de identidad que se utiliza \nhabitualmente <a href=\"https:\/\/www.dmsjuridica.com\/JURISPRUDENCIA\/CORTE_CONSTITUCIONAL\/docs\/2025\/T-066-25.html\">\nT-066\/25<\/a> <br>\n&nbsp;<\/font><\/p>\n<p><font face=\"Verdana\" size=\"2\">DERECHO A LA PRESTACI\u00d3N PENSIONAL Reconocimiento en la modalidad de retiro \nprogramado <a href=\"https:\/\/www.dmsjuridica.com\/JURISPRUDENCIA\/CORTE_CONSTITUCIONAL\/docs\/2025\/T-157-25.html\">\nT-157\/25<\/a>&nbsp; &#8211; \n<a href=\"https:\/\/www.dmsjuridica.com\/JURISPRUDENCIA\/CORTE_CONSTITUCIONAL\/docs\/2025\/T-212-25.html\">\nT-212\/25<\/a> <br>\n&nbsp;<\/font><\/p>\n<p><font face=\"Verdana\" size=\"2\">DERECHO A LA PROPIA IMAGEN Y A LA INTIMIDAD Enfoque de g\u00e9nero en redes \nsociales para erradicar la violencia simb\u00f3lica contra las mujeres \n<a href=\"https:\/\/www.dmsjuridica.com\/JURISPRUDENCIA\/CORTE_CONSTITUCIONAL\/docs\/2025\/T-152-25.html\">\nT-152\/25<\/a> <br>\n&nbsp;<\/font><\/p>\n<p><font face=\"Verdana\" size=\"2\">DERECHO A LA PROPIA IMAGEN Y A LA INTIMIDAD Protecci\u00f3n de la independencia y \nautonom\u00eda de las personas en situaci\u00f3n de discapacidad \n<a href=\"https:\/\/www.dmsjuridica.com\/JURISPRUDENCIA\/CORTE_CONSTITUCIONAL\/docs\/2025\/T-152-25.html\">\nT-152\/25<\/a> <br>\n&nbsp;<\/font><\/p>\n<p><font face=\"Verdana\" size=\"2\">DERECHO A LA PROPIA IMAGEN Y A LA INTIMIDAD Vulneraci\u00f3n por mantener \npublicada la fotograf\u00eda de una mujer habitante de calle en redes sociales \n<a href=\"https:\/\/www.dmsjuridica.com\/JURISPRUDENCIA\/CORTE_CONSTITUCIONAL\/docs\/2025\/T-152-25.html\">\nT-152\/25<\/a> <br>\n&nbsp;<\/font><\/p>\n<p><font face=\"Verdana\" size=\"2\">DERECHO A LA PROPIEDAD COLECTIVA DE COMUNIDAD INDIGENA Debida delimitaci\u00f3n \ndel territorio del resguardo <a href=\"https:\/\/www.dmsjuridica.com\/JURISPRUDENCIA\/CORTE_CONSTITUCIONAL\/docs\/2025\/T-050-25.html\">\nT-050\/25<\/a> <br>\n&nbsp;<\/font><\/p>\n<p><font face=\"Verdana\" size=\"2\">DERECHO A LA PROPIEDAD COLECTIVA DE LAS COMUNIDADES AFRODESCENDIENTES \nCaracterizaci\u00f3n de los predios adjudicables <a href=\"https:\/\/www.dmsjuridica.com\/JURISPRUDENCIA\/CORTE_CONSTITUCIONAL\/docs\/2025\/T-105-25.html\">\nT-105\/25<\/a> <br>\n&nbsp;<\/font><\/p>\n<p><font face=\"Verdana\" size=\"2\">DERECHO A LA RECREACI\u00d3N Y AL DEPORTE DE PERSONAS EN SITUACI\u00d3N DE DISCAPACIDAD \nNataci\u00f3n paral\u00edmpica <a href=\"https:\/\/www.dmsjuridica.com\/JURISPRUDENCIA\/CORTE_CONSTITUCIONAL\/docs\/2025\/T-286-25.html\">\nT-286\/25<\/a> <br>\n&nbsp;<\/font><\/p>\n<p><font face=\"Verdana\" size=\"2\">DERECHO A LA REINCORPORACI\u00d3N SOCIAL Alcance y contenido \n<a href=\"https:\/\/www.dmsjuridica.com\/JURISPRUDENCIA\/CORTE_CONSTITUCIONAL\/docs\/2025\/T-113-25.html\">\nT-113\/25<\/a> <br>\n&nbsp;<\/font><\/p>\n<p><font face=\"Verdana\" size=\"2\">DERECHO A LA REINCORPORACI\u00d3N SOCIAL Vulneraci\u00f3n por negar la apertura de \nproductos financieros ante la existencia de investigaciones y antecedentes \npenales <a href=\"https:\/\/www.dmsjuridica.com\/JURISPRUDENCIA\/CORTE_CONSTITUCIONAL\/docs\/2025\/T-113-25.html\">\nT-113\/25<\/a> <br>\n&nbsp;<\/font><\/p>\n<p><font face=\"Verdana\" size=\"2\">DERECHO A LA REPARACION INTEGRAL Criterios de priorizaci\u00f3n para las v\u00edctimas \ncon derecho a la indemnizaci\u00f3n judicial <a href=\"https:\/\/www.dmsjuridica.com\/JURISPRUDENCIA\/CORTE_CONSTITUCIONAL\/docs\/2025\/T-041-25.html\">\nT-041\/25<\/a> <br>\n&nbsp;<\/font><\/p>\n<p><font face=\"Verdana\" size=\"2\">DERECHO A LA REPARACION INTEGRAL DE LAS VICTIMAS Debida diligencia al brindar \ninformaci\u00f3n en lenguaje claro <a href=\"https:\/\/www.dmsjuridica.com\/JURISPRUDENCIA\/CORTE_CONSTITUCIONAL\/docs\/2025\/T-041-25.html\">\nT-041\/25<\/a> <br>\n&nbsp;<\/font><\/p>\n<p><font face=\"Verdana\" size=\"2\">DERECHO A LA REPARACI\u00d3N INTEGRAL POR DESPLAZAMIENTO FORZADO Deber de \ncoordinaci\u00f3n y articulaci\u00f3n entre autoridades en la implementaci\u00f3n del proceso \nde restituci\u00f3n de tierras <a href=\"https:\/\/www.dmsjuridica.com\/JURISPRUDENCIA\/CORTE_CONSTITUCIONAL\/docs\/2025\/T-050-25.html\">\nT-050\/25<\/a> <br>\n&nbsp;<\/font><\/p>\n<p><font face=\"Verdana\" size=\"2\">DERECHO A LA REPARACI\u00d3N INTEGRAL POR DESPLAZAMIENTO FORZADO Planes de \nreparaci\u00f3n colectiva para comunidades ind\u00edgenas v\u00edctimas del conflicto interno \n<a href=\"https:\/\/www.dmsjuridica.com\/JURISPRUDENCIA\/CORTE_CONSTITUCIONAL\/docs\/2025\/T-050-25.html\">\nT-050\/25<\/a> <br>\n<a href=\"https:\/\/www.dmsjuridica.com\/JURISPRUDENCIA\/CORTE_CONSTITUCIONAL\/docs\/2025\/T-185-25.html\">\nT-185\/25<\/a> <br>\n&nbsp;<\/font><\/p>\n<p><font face=\"Verdana\" size=\"2\">DERECHO A LA RESTITUCION DE TIERRAS L\u00edmite temporal de la Ley de v\u00edctimas \n<a href=\"https:\/\/www.dmsjuridica.com\/JURISPRUDENCIA\/CORTE_CONSTITUCIONAL\/docs\/2025\/SU088-25.html\">\nSU.088\/25<\/a> <br>\n&nbsp;<\/font><\/p>\n<p><font face=\"Verdana\" size=\"2\">DERECHO A LA SALUD Aplicaci\u00f3n del enfoque de g\u00e9nero para eliminar inequidades \ny materializar la igualdad <a href=\"https:\/\/www.dmsjuridica.com\/JURISPRUDENCIA\/CORTE_CONSTITUCIONAL\/docs\/2025\/T-152-25.html\">\nT-152\/25<\/a> <br>\n&nbsp;<\/font><\/p>\n<p><font face=\"Verdana\" size=\"2\">DERECHO A LA SALUD DE COMUNIDADES INDIGENAS Afectaci\u00f3n diferencial de las \nmujeres por la contaminaci\u00f3n con mercurio, dada la relaci\u00f3n tradicional con la \nmaternidad, el agua y la agricultura <a href=\"https:\/\/www.dmsjuridica.com\/JURISPRUDENCIA\/CORTE_CONSTITUCIONAL\/docs\/2025\/T-106-25.html\">\nT-106\/25<\/a> <br>\n&nbsp;<\/font><\/p>\n<p><font face=\"Verdana\" size=\"2\">DERECHO A LA SALUD DE COMUNIDADES INDIGENAS Necesidad de articulaci\u00f3n entre \nla medicina tradicional y el sistema general de salud \n<a href=\"https:\/\/www.dmsjuridica.com\/JURISPRUDENCIA\/CORTE_CONSTITUCIONAL\/docs\/2025\/T-106-25.html\">\nT-106\/25<\/a> <br>\n&nbsp;<\/font><\/p>\n<p><font face=\"Verdana\" size=\"2\">DERECHO A LA SALUD DE COMUNIDADES INDIGENAS Sistema Ind\u00edgena de Salud Propio \ne Intercultural (SISPI) <a href=\"https:\/\/www.dmsjuridica.com\/JURISPRUDENCIA\/CORTE_CONSTITUCIONAL\/docs\/2025\/T-106-25.html\">\nT-106\/25<\/a> <br>\n&nbsp;<\/font><\/p>\n<p><font face=\"Verdana\" size=\"2\">DERECHO A LA SALUD DE COMUNIDADES INDIGENAS Vulneraci\u00f3n grave y sistem\u00e1tica, \ncontaminaci\u00f3n del agua por mercurio <a href=\"https:\/\/www.dmsjuridica.com\/JURISPRUDENCIA\/CORTE_CONSTITUCIONAL\/docs\/2025\/T-106-25.html\">\nT-106\/25<\/a> <br>\n&nbsp;<\/font><\/p>\n<p><font face=\"Verdana\" size=\"2\">DERECHO A LA SALUD DE LOS MIGRANTES Necesidad y urgencia de servicios de \nsalud ordenados por el m\u00e9dico tratante, bajo un enfoque de derechos humanos \n<a href=\"https:\/\/www.dmsjuridica.com\/JURISPRUDENCIA\/CORTE_CONSTITUCIONAL\/docs\/2025\/T-200-25.html\">\nT-200\/25<\/a> <br>\n&nbsp;<\/font><\/p>\n<p><font face=\"Verdana\" size=\"2\">DERECHO A LA SALUD DE MUJER EMBARAZADA Decisi\u00f3n libre e informada de dar a \nluz mediante ces\u00e1rea <a href=\"https:\/\/www.dmsjuridica.com\/JURISPRUDENCIA\/CORTE_CONSTITUCIONAL\/docs\/2025\/T-135-25.html\">\nT-135\/25<\/a> <br>\n&nbsp;<\/font><\/p>\n<p><font face=\"Verdana\" size=\"2\">DERECHO A LA SALUD DE MUJER EMBARAZADA Naturaleza del plan de parto como \nmecanismo de di\u00e1logo con el personal sanitario <a href=\"https:\/\/www.dmsjuridica.com\/JURISPRUDENCIA\/CORTE_CONSTITUCIONAL\/docs\/2025\/T-135-25.html\">\nT-135\/25<\/a> <br>\n&nbsp;<\/font><\/p>\n<p><font face=\"Verdana\" size=\"2\">DERECHO A LA SALUD DE MUJER EMBARAZADA Protecci\u00f3n en la atenci\u00f3n prenatal, \nparto y posparto T-135\/25 &#8211; <a href=\"https:\/\/www.dmsjuridica.com\/JURISPRUDENCIA\/CORTE_CONSTITUCIONAL\/docs\/2025\/T-213-25.html\">\nT-213\/25<\/a> <br>\n&nbsp;<\/font><\/p>\n<p><font face=\"Verdana\" size=\"2\">DERECHO A LA SALUD DE NI\u00d1OS, NI\u00d1AS Y ADOLESCENTES Protecci\u00f3n por riesgo de \ndesnutrici\u00f3n <a href=\"https:\/\/www.dmsjuridica.com\/JURISPRUDENCIA\/CORTE_CONSTITUCIONAL\/docs\/2025\/T-078-25.html\">\nT-078\/25<\/a> <br>\n&nbsp;<\/font><\/p>\n<p><font face=\"Verdana\" size=\"2\">DERECHO A LA SALUD DE NI\u00d1OS, NI\u00d1AS Y ADOLESCENTES Responsabilidad de las \nentidades prestadoras de servicios m\u00e9dicos en materia de salud mental \n<a href=\"https:\/\/www.dmsjuridica.com\/JURISPRUDENCIA\/CORTE_CONSTITUCIONAL\/docs\/2025\/T-082-25.html\">\nT-082\/25<\/a> <br>\n&nbsp;<\/font><\/p>\n<p><font face=\"Verdana\" size=\"2\">DERECHO A LA SALUD DE PERSONAS CON DISCAPACIDAD MENTAL Est\u00e1ndares \ninteramericanos para asegurar una atenci\u00f3n m\u00e9dica eficaz \n<a href=\"https:\/\/www.dmsjuridica.com\/JURISPRUDENCIA\/CORTE_CONSTITUCIONAL\/docs\/2025\/T-178-25.html\">\nT-178\/25<\/a> <br>\n&nbsp;<\/font><\/p>\n<p><font face=\"Verdana\" size=\"2\">DERECHO A LA SALUD DE PERSONAS EN SITUACI\u00d3N DE DISCAPACIDAD Deber de \nproporcionar informaci\u00f3n m\u00e9dica clara y adaptada a la capacidad de comprensi\u00f3n \ndel paciente, para asegurar que sus decisiones sean libres, voluntarias e \ninformadas <a href=\"https:\/\/www.dmsjuridica.com\/JURISPRUDENCIA\/CORTE_CONSTITUCIONAL\/docs\/2025\/T-303-25.html\">\nT-303\/25<\/a> <br>\n&nbsp;<\/font><\/p>\n<p><font face=\"Verdana\" size=\"2\">DERECHO A LA SALUD DE PERSONAS PRIVADAS DE LA LIBERTAD Deber de valorar \ncondiciones dignas de reclusi\u00f3n para el adecuado tratamiento m\u00e9dico \n<a href=\"https:\/\/www.dmsjuridica.com\/JURISPRUDENCIA\/CORTE_CONSTITUCIONAL\/docs\/2025\/T-114-25.html\">\nT-114\/25<\/a> <br>\n&nbsp;<\/font><\/p>\n<p><font face=\"Verdana\" size=\"2\">DERECHO A LA SALUD DE PERSONAS PRIVADAS DE LA LIBERTAD Deber de valoraci\u00f3n \nm\u00e9dica integral para determinar la compatibilidad de la vida digna en \nestablecimientos carcelarios <a href=\"https:\/\/www.dmsjuridica.com\/JURISPRUDENCIA\/CORTE_CONSTITUCIONAL\/docs\/2025\/T-114-25.html\">\nT-114\/25<\/a> <br>\n&nbsp;<\/font><\/p>\n<p><font face=\"Verdana\" size=\"2\">DERECHO A LA SALUD DE PERSONAS PRIVADAS DE LA LIBERTAD Medios probatorios \npara decidir sobre la sustituci\u00f3n de la medida de aseguramiento, por razones de \nsalud <a href=\"https:\/\/www.dmsjuridica.com\/JURISPRUDENCIA\/CORTE_CONSTITUCIONAL\/docs\/2025\/T-114-25.html\">\nT-114\/25<\/a> <br>\n&nbsp;<\/font><\/p>\n<p><font face=\"Verdana\" size=\"2\">DERECHO A LA SALUD Deberes de los profesionales y de las instituciones \nprestadoras de servicios de salud <a href=\"https:\/\/www.dmsjuridica.com\/JURISPRUDENCIA\/CORTE_CONSTITUCIONAL\/docs\/2025\/T-194-25.html\">\nT-194\/25<\/a> <br>\n&nbsp;<\/font><\/p>\n<p><font face=\"Verdana\" size=\"2\">DERECHO A LA SALUD EN SU FACETA PALIATIVA Principio de no discriminaci\u00f3n y \nenfoque de derechos humanos <a href=\"https:\/\/www.dmsjuridica.com\/JURISPRUDENCIA\/CORTE_CONSTITUCIONAL\/docs\/2025\/T-200-25.html\">\nT-200\/25<\/a> <br>\n&nbsp;<\/font><\/p>\n<p><font face=\"Verdana\" size=\"2\">DERECHO A LA SALUD MENTAL Garant\u00eda en los sistemas de medicina tradicional de \nlos pueblos \u00e9tnicos <a href=\"https:\/\/www.dmsjuridica.com\/JURISPRUDENCIA\/CORTE_CONSTITUCIONAL\/docs\/2025\/T-082-25.html\">\nT-082\/25<\/a><br>\n&nbsp;<\/font><\/p>\n<p><font face=\"Verdana\" size=\"2\">DERECHO A LA SALUD MENTAL Prevenci\u00f3n de factores desencadenantes de la \nconducta suicida <a href=\"https:\/\/www.dmsjuridica.com\/JURISPRUDENCIA\/CORTE_CONSTITUCIONAL\/docs\/2025\/T-082-25.html\">\nT-082\/25<\/a> <br>\n&nbsp;<\/font><\/p>\n<p><font face=\"Verdana\" size=\"2\">DERECHO A LA SALUD SEXUAL Y REPRODUCTIVA Acceso y suministro de los m\u00e9todos \nde planificaci\u00f3n familiar y anticoncepci\u00f3n para mujeres y adolescentes ind\u00edgenas \n<a href=\"https:\/\/www.dmsjuridica.com\/JURISPRUDENCIA\/CORTE_CONSTITUCIONAL\/docs\/2025\/T-188-25.html\">\nT-188\/25<\/a> <br>\n&nbsp;<\/font><\/p>\n<p><font face=\"Verdana\" size=\"2\">DERECHO A LA SALUD SEXUAL Y REPRODUCTIVA Garant\u00eda del consentimiento \ninformado en la elecci\u00f3n de m\u00e9todo de anticoncepci\u00f3n, para adolescentes \nind\u00edgenas <a href=\"https:\/\/www.dmsjuridica.com\/JURISPRUDENCIA\/CORTE_CONSTITUCIONAL\/docs\/2025\/T-188-25.html\">\nT-188\/25<\/a> <br>\n&nbsp;<\/font><\/p>\n<p><font face=\"Verdana\" size=\"2\">DERECHO A LA SALUD Subreglas jurisprudenciales para la provisi\u00f3n de los \nservicios de transporte y alimentaci\u00f3n del acompa\u00f1ante \n<a href=\"https:\/\/www.dmsjuridica.com\/JURISPRUDENCIA\/CORTE_CONSTITUCIONAL\/docs\/2025\/T-270-25.html\">\nT-270\/25<\/a> <br>\n&nbsp;<\/font><\/p>\n<p><font face=\"Verdana\" size=\"2\">DERECHO A LA SALUD Y AL AMBIENTE SANO DE COMUNIDAD INDIGENA FRENTE A \nACTIVIDADES EXTRACTIVAS Afectaci\u00f3n por contacto con el mercurio \n<a href=\"https:\/\/www.dmsjuridica.com\/JURISPRUDENCIA\/CORTE_CONSTITUCIONAL\/docs\/2025\/T-106-25.html\">\nT-106\/25<\/a> <br>\n&nbsp;<\/font><\/p>\n<p><font face=\"Verdana\" size=\"2\">DERECHO A LA SEGURIDAD ALIMENTARIA Deber de protecci\u00f3n de las actividades de \nsubsistencia de los pueblos ind\u00edgenas <a href=\"https:\/\/www.dmsjuridica.com\/JURISPRUDENCIA\/CORTE_CONSTITUCIONAL\/docs\/2025\/T-106-25.html\">\nT-106\/25<\/a> <br>\n&nbsp;<\/font><\/p>\n<p><font face=\"Verdana\" size=\"2\">DERECHO A LA SEGURIDAD PERSONAL Alcance de las medidas de emergencia, \nprevenci\u00f3n y protecci\u00f3n&nbsp; <a href=\"https:\/\/www.dmsjuridica.com\/JURISPRUDENCIA\/CORTE_CONSTITUCIONAL\/docs\/2025\/T-081-25.html\">\nT-081\/25<\/a>&nbsp; &#8211; \n<a href=\"https:\/\/www.dmsjuridica.com\/JURISPRUDENCIA\/CORTE_CONSTITUCIONAL\/docs\/2025\/T-258-25.html\">\nT-258\/25<\/a> <br>\n&nbsp;<\/font><\/p>\n<p><font face=\"Verdana\" size=\"2\">DERECHO A LA SEGURIDAD PERSONAL Aplicaci\u00f3n de enfoque diferencial para \nadoptar medidas de protecci\u00f3n a favor de personas en situaci\u00f3n de discapacidad \n<a href=\"https:\/\/www.dmsjuridica.com\/JURISPRUDENCIA\/CORTE_CONSTITUCIONAL\/docs\/2025\/T-305-25.html\">\nT-305\/25<\/a> <br>\n&nbsp;<\/font><\/p>\n<p><font face=\"Verdana\" size=\"2\">DERECHO A LA SEGURIDAD PERSONAL Caracterizaci\u00f3n del Programa de Prevenci\u00f3n y \nProtecci\u00f3n a cargo de la UNP <a href=\"https:\/\/www.dmsjuridica.com\/JURISPRUDENCIA\/CORTE_CONSTITUCIONAL\/docs\/2025\/T-305-25.html\">\nT-305\/25<\/a> <br>\n&nbsp;<\/font><\/p>\n<p><font face=\"Verdana\" size=\"2\">DERECHO A LA SEGURIDAD PERSONAL Clasificaci\u00f3n de los tipos de esquema de \nseguridad <a href=\"https:\/\/www.dmsjuridica.com\/JURISPRUDENCIA\/CORTE_CONSTITUCIONAL\/docs\/2025\/T-305-25.html\">\nT-305\/25<\/a> <br>\n&nbsp;<\/font><\/p>\n<p><font face=\"Verdana\" size=\"2\">DERECHO A LA SEGURIDAD PERSONAL Y EL DEBER DE PROTECCION DE LIDERES SOCIALES \nY DEFENSORES DE DERECHOS HUMANOS Factores que permiten que el juez restablezca \nmedidas de protecci\u00f3n <a href=\"https:\/\/www.dmsjuridica.com\/JURISPRUDENCIA\/CORTE_CONSTITUCIONAL\/docs\/2025\/T-091-25.html\">\nT-091\/25<\/a> <br>\n&nbsp;<\/font><\/p>\n<p><font face=\"Verdana\" size=\"2\">DERECHO A LA SEGURIDAD SOCIAL Competencia del Ministerio de Relaciones \nExteriores de Colombia y los Consulados de Colombia \n<a href=\"https:\/\/www.dmsjuridica.com\/JURISPRUDENCIA\/CORTE_CONSTITUCIONAL\/docs\/2025\/T-139-25.html\">\nT-139\/25<\/a> <br>\n&nbsp;<\/font><\/p>\n<p><font face=\"Verdana\" size=\"2\">DERECHO A LA SUSTITUCION PENSIONAL Definici\u00f3n y finalidad \n<a href=\"https:\/\/www.dmsjuridica.com\/JURISPRUDENCIA\/CORTE_CONSTITUCIONAL\/docs\/2025\/SU056-25.html\">\nSU.056\/25<\/a> <br>\n&nbsp;<\/font><\/p>\n<p><font face=\"Verdana\" size=\"2\">DERECHO A LA SUSTITUCI\u00d3N PENSIONAL Negativa injustificada vulnera derechos \nfundamentales <a href=\"https:\/\/www.dmsjuridica.com\/JURISPRUDENCIA\/CORTE_CONSTITUCIONAL\/docs\/2025\/T-293-25.html\">\nT-293\/25<\/a> <br>\n&nbsp;<\/font><\/p>\n<p><font face=\"Verdana\" size=\"2\">DERECHO A LA SUSTITUCI\u00d3N PENSIONAL O PENSI\u00d3N DE SOBREVIVIENTES PARA PERSONAS \nBENEFICIARIAS EN SITUACI\u00d3N DE DISCAPACIDAD Reglas jurisprudenciales T-021\/25 &#8211; \n<a href=\"https:\/\/www.dmsjuridica.com\/JURISPRUDENCIA\/CORTE_CONSTITUCIONAL\/docs\/2025\/T-293-25.html\">\nT-293\/25<\/a> <br>\n&nbsp;<\/font><\/p>\n<p><font face=\"Verdana\" size=\"2\">DERECHO A LA VIDA EN CONDICIONES DIGNAS Responsabilidad del Estado frente a \nlas personas en situaci\u00f3n de abandono social <a href=\"https:\/\/www.dmsjuridica.com\/JURISPRUDENCIA\/CORTE_CONSTITUCIONAL\/docs\/2025\/T-226-25.html\">\nT-226\/25<\/a>&nbsp; &#8211; \n<a href=\"https:\/\/www.dmsjuridica.com\/JURISPRUDENCIA\/CORTE_CONSTITUCIONAL\/docs\/2025\/T-303-25.html\">\nT-303\/25<\/a> <br>\n&nbsp;<\/font><\/p>\n<p><font face=\"Verdana\" size=\"2\">DERECHO A LA VIDA Y A LA INTEGRIDAD PERSONAL Vulneraci\u00f3n por omisi\u00f3n en la \nconstrucci\u00f3n de infraestructura vial <a href=\"https:\/\/www.dmsjuridica.com\/JURISPRUDENCIA\/CORTE_CONSTITUCIONAL\/docs\/2025\/T-120-25.html\">\nT-120\/25<\/a> <br>\n&nbsp;<\/font><\/p>\n<p><font face=\"Verdana\" size=\"2\">DERECHO A LA VIDA, SEGURIDAD PERSONAL Y DEBIDO PROCESO Contenido del deber de \nmotivar los actos administrativos que valoraron los riesgos y adoptan medidas de \nprotecci\u00f3n <a href=\"https:\/\/www.dmsjuridica.com\/JURISPRUDENCIA\/CORTE_CONSTITUCIONAL\/docs\/2025\/T-305-25.html\">\nT-305\/25<\/a> <br>\n&nbsp;<\/font><\/p>\n<p><font face=\"Verdana\" size=\"2\">DERECHO A LA VIVIENDA DIGNA DE COMUNIDADES INDIGENAS Y GRUPOS ETNICOS \nAdecuaci\u00f3n cultural que refleje la identidad de quienes la habitan \n<a href=\"https:\/\/www.dmsjuridica.com\/JURISPRUDENCIA\/CORTE_CONSTITUCIONAL\/docs\/2025\/T-193-25.html\">\nT-193\/25<\/a> <br>\n&nbsp;<\/font><\/p>\n<p><font face=\"Verdana\" size=\"2\">DERECHO A TENER CONTACTO CON LA FAMILIA Alcance y contenido \n<a href=\"https:\/\/www.dmsjuridica.com\/JURISPRUDENCIA\/CORTE_CONSTITUCIONAL\/docs\/2025\/T-019-25.html\">\nT-019\/25<\/a> <br>\n&nbsp;<\/font><\/p>\n<p><font face=\"Verdana\" size=\"2\">DERECHO A TENER CONTACTO CON LA FAMILIA Vulneraci\u00f3n por impedir la relaci\u00f3n \nentre familiares separados por la distancia <a href=\"https:\/\/www.dmsjuridica.com\/JURISPRUDENCIA\/CORTE_CONSTITUCIONAL\/docs\/2025\/T-019-25.html\">\nT-019\/25<\/a> <br>\n&nbsp;<\/font><\/p>\n<p><font face=\"Verdana\" size=\"2\">DERECHO A TENER UNA FAMILIA Y A NO SER SEPARADO DE ELLA Vulneraci\u00f3n por \ntraslado internacional de menor sin autorizaci\u00f3n de la madre \n<a href=\"https:\/\/www.dmsjuridica.com\/JURISPRUDENCIA\/CORTE_CONSTITUCIONAL\/docs\/2025\/T-077-25.html\">\nT-077\/25<\/a> <br>\n&nbsp;<\/font><\/p>\n<p><font face=\"Verdana\" size=\"2\">DERECHO A UNA EDUCACI\u00d3N LIBRE DE VIOLENCIA Deber social de prevenir el \nmatoneo o acoso en el entorno escolar <a href=\"https:\/\/www.dmsjuridica.com\/JURISPRUDENCIA\/CORTE_CONSTITUCIONAL\/docs\/2025\/T-040-25.html\">\nT-040\/25<\/a> <br>\n&nbsp;<\/font><\/p>\n<p><font face=\"Verdana\" size=\"2\">DERECHO AL AGUA POTABLE Y A LA VIVIENDA DIGNA Obligaci\u00f3n de reubicar \ninmuebles de las zonas de restricci\u00f3n ambiental \n<a href=\"https:\/\/www.dmsjuridica.com\/JURISPRUDENCIA\/CORTE_CONSTITUCIONAL\/docs\/2025\/T-161-25.html\">\nT-161\/25<\/a> <br>\n&nbsp;<\/font><\/p>\n<p><font face=\"Verdana\" size=\"2\">DERECHO AL AMBIENTE SANO Contaminaci\u00f3n del territorio y de fuentes de agua \npor actividad minera con mercurio <a href=\"https:\/\/www.dmsjuridica.com\/JURISPRUDENCIA\/CORTE_CONSTITUCIONAL\/docs\/2025\/T-106-25.html\">\nT-106\/25<\/a> <br>\n&nbsp;<\/font><\/p>\n<p><font face=\"Verdana\" size=\"2\">DERECHO AL AUTOGOBIERNO DE LOS PUEBLOS IND\u00cdGENAS Alcance y contenido&nbsp;\n<a href=\"https:\/\/www.dmsjuridica.com\/JURISPRUDENCIA\/CORTE_CONSTITUCIONAL\/docs\/2025\/T-106-25.html\">\nT-106\/25<\/a> <br>\n&nbsp;<\/font><\/p>\n<p><font face=\"Verdana\" size=\"2\">DERECHO AL BUEN NOMBRE Y AL HABEAS DATA Caducidad del dato negativo sobre las \nanotaciones penales <a href=\"https:\/\/www.dmsjuridica.com\/JURISPRUDENCIA\/CORTE_CONSTITUCIONAL\/docs\/2025\/T-125-25.html\">\nT-125\/25<\/a>&nbsp; &#8211; \n<a href=\"https:\/\/www.dmsjuridica.com\/JURISPRUDENCIA\/CORTE_CONSTITUCIONAL\/docs\/2025\/T-203-25.html\">\nT-203\/25<\/a> <br>\n&nbsp;<\/font><\/p>\n<p><font face=\"Verdana\" size=\"2\">DERECHO AL DEBIDO PROCESO ADMINISTRATIVO Deber de protecci\u00f3n de ni\u00f1as y ni\u00f1os \nmediante reubicaci\u00f3n, por cierre de Hogar Comunitario de Bienestar \n<a href=\"https:\/\/www.dmsjuridica.com\/JURISPRUDENCIA\/CORTE_CONSTITUCIONAL\/docs\/2025\/T-058-25.html\">\nT-058\/25<\/a> <br>\n&nbsp;<\/font><\/p>\n<p><font face=\"Verdana\" size=\"2\">DERECHO AL DEBIDO PROCESO ADMINISTRATIVO EN PROCEDIMIENTO SANCIONATORIO \nAMBIENTAL Alcance y contenido <a href=\"https:\/\/www.dmsjuridica.com\/JURISPRUDENCIA\/CORTE_CONSTITUCIONAL\/docs\/2025\/T-210-25.html\">\nT-210\/25<\/a> <br>\n&nbsp;<\/font><\/p>\n<p><font face=\"Verdana\" size=\"2\">DERECHO AL DEBIDO PROCESO ADMINISTRATIVO EN PROCEDIMIENTO SANCIONATORIO \nAMBIENTAL Causales de atenuaci\u00f3n de la responsabilidad \n<a href=\"https:\/\/www.dmsjuridica.com\/JURISPRUDENCIA\/CORTE_CONSTITUCIONAL\/docs\/2025\/T-210-25.html\">\nT-210\/25<\/a> <br>\n&nbsp;<\/font><\/p>\n<p><font face=\"Verdana\" size=\"2\">DERECHO AL DEBIDO PROCESO ADMINISTRATIVO Garant\u00edas m\u00ednimas para el \nsolicitante de refugio <a href=\"https:\/\/www.dmsjuridica.com\/JURISPRUDENCIA\/CORTE_CONSTITUCIONAL\/docs\/2025\/T-042A-25.html\">\nT-042A\/25<\/a> <br>\n&nbsp;<\/font><\/p>\n<p><font face=\"Verdana\" size=\"2\">DERECHO AL DEBIDO PROCESO ADMINISTRATIVO Obligaci\u00f3n de motivar y ponderar la \nrespuesta a la solicitud de retiro voluntario de las fuerzas militares \n<a href=\"https:\/\/www.dmsjuridica.com\/JURISPRUDENCIA\/CORTE_CONSTITUCIONAL\/docs\/2025\/T-028-25.html\">\nT-028\/25<\/a> <br>\n&nbsp;<\/font><\/p>\n<p><font face=\"Verdana\" size=\"2\">DERECHO AL DEBIDO PROCESO Alcance en las actuaciones de las autoridades de \nfamilia <a href=\"https:\/\/www.dmsjuridica.com\/JURISPRUDENCIA\/CORTE_CONSTITUCIONAL\/docs\/2025\/T-232-25.html\">\nT-232\/25<\/a> <br>\n&nbsp;<\/font><\/p>\n<p><font face=\"Verdana\" size=\"2\">DERECHO AL DEBIDO PROCESO DE MIGRANTES Deber de suministrar informaci\u00f3n clara \ny oportuna <a href=\"https:\/\/www.dmsjuridica.com\/JURISPRUDENCIA\/CORTE_CONSTITUCIONAL\/docs\/2025\/T-159-25.html\">\nT-159\/25<\/a> <br>\n&nbsp;<\/font><\/p>\n<p><font face=\"Verdana\" size=\"2\">DERECHO AL DEBIDO PROCESO E INTER\u00c9S SUPERIOR DE LOS NI\u00d1OS, NI\u00d1AS Y \nADOLESCENTES Deber de diligencia en el tr\u00e1mite de verificaci\u00f3n de derechos por \nposible violencia intrafamiliar <a href=\"https:\/\/www.dmsjuridica.com\/JURISPRUDENCIA\/CORTE_CONSTITUCIONAL\/docs\/2025\/T-077-25.html\">\nT-077\/25<\/a> <br>\n&nbsp;<\/font><\/p>\n<p><font face=\"Verdana\" size=\"2\">DERECHO AL DEBIDO PROCESO EN LA CONSULTA PREVIA DE COMUNIDADES INDIGENAS Y \nGRUPOS ETNICOS Vulneraci\u00f3n por omisi\u00f3n en el tr\u00e1mite de certificaci\u00f3n de la \nprocedencia de la consulta <a href=\"https:\/\/www.dmsjuridica.com\/JURISPRUDENCIA\/CORTE_CONSTITUCIONAL\/docs\/2025\/T-012-25.html\">\nT-012\/25<\/a> <br>\n&nbsp;<\/font><\/p>\n<p><font face=\"Verdana\" size=\"2\">DERECHO AL DEBIDO PROCESO EN QUEJA DE ACOSO LABORAL Aplicaci\u00f3n del enfoque de \ng\u00e9nero <a href=\"https:\/\/www.dmsjuridica.com\/JURISPRUDENCIA\/CORTE_CONSTITUCIONAL\/docs\/2025\/T-262-25.html\">\nT-262\/25<\/a> <br>\n&nbsp;<\/font><\/p>\n<p><font face=\"Verdana\" size=\"2\">DERECHO AL DEBIDO PROCESO EN QUEJA DE ACOSO LABORAL Garant\u00edas \n<a href=\"https:\/\/www.dmsjuridica.com\/JURISPRUDENCIA\/CORTE_CONSTITUCIONAL\/docs\/2025\/T-262-25.html\">\nT-262\/25<\/a> <br>\n&nbsp;<\/font><\/p>\n<p><font face=\"Verdana\" size=\"2\">DERECHO AL DEBIDO PROCESO EN QUEJA DE ACOSO LABORAL Vulneraci\u00f3n \n<a href=\"https:\/\/www.dmsjuridica.com\/JURISPRUDENCIA\/CORTE_CONSTITUCIONAL\/docs\/2025\/T-262-25.html\">\nT-262\/25<\/a> <br>\n&nbsp;<\/font><\/p>\n<p><font face=\"Verdana\" size=\"2\">DERECHO AL DEBIDO PROCESO Y A LA ADMINISTRACION DE JUSTICIA Vulneraci\u00f3n por \nimponer barreras que impiden el acceso al sistema judicial \n<a href=\"https:\/\/www.dmsjuridica.com\/JURISPRUDENCIA\/CORTE_CONSTITUCIONAL\/docs\/2025\/T-047-25.html\">\nT-047\/25<\/a> <br>\n&nbsp;<\/font><\/p>\n<p><font face=\"Verdana\" size=\"2\">DERECHO AL DEBIDO PROCESO, AL MINIMO VITAL Y AL TRABAJO Reconocimiento de los \ntrabajadores informales en condici\u00f3n de vulnerabilidad como sujetos de especial \nprotecci\u00f3n constitucional <a href=\"https:\/\/www.dmsjuridica.com\/JURISPRUDENCIA\/CORTE_CONSTITUCIONAL\/docs\/2025\/T-237-25.html\">\nT-237\/25<\/a> <br>\n&nbsp;<\/font><\/p>\n<p><font face=\"Verdana\" size=\"2\">DERECHO AL HABEAS DATA EN TRATAMIENTO DE DATOS PERSONALES Condiciones para la \ninstalaci\u00f3n y operaci\u00f3n de c\u00e1maras de videovigilancia\n<a href=\"https:\/\/www.dmsjuridica.com\/JURISPRUDENCIA\/CORTE_CONSTITUCIONAL\/docs\/2025\/T-170-25.html\">\nT-170\/25<\/a> <br>\n&nbsp;<\/font><\/p>\n<p><font face=\"Verdana\" size=\"2\">DERECHO AL HABEAS DATA Protecci\u00f3n de la imagen digital recolectada en \nsistemas de videovigilancia <a href=\"https:\/\/www.dmsjuridica.com\/JURISPRUDENCIA\/CORTE_CONSTITUCIONAL\/docs\/2025\/T-170-25.html\">\nT-170\/25<\/a><br>\n&nbsp;<\/font><\/p>\n<p><font face=\"Verdana\" size=\"2\">DERECHO AL MINIMO VITAL Deber de adoptar acciones positivas para la \ngeneraci\u00f3n de ingresos de personas afectadas por desastres naturales \n<a href=\"https:\/\/www.dmsjuridica.com\/JURISPRUDENCIA\/CORTE_CONSTITUCIONAL\/docs\/2025\/T-078-25.html\">\nT-078\/25<\/a> <br>\n&nbsp;<\/font><\/p>\n<p><font face=\"Verdana\" size=\"2\">DERECHO AL OLVIDO Caducidad del dato negativo en materia penal \n<a href=\"https:\/\/www.dmsjuridica.com\/JURISPRUDENCIA\/CORTE_CONSTITUCIONAL\/docs\/2025\/T-125-25.html\">\nT-125\/25<\/a>&nbsp; &#8211; \n<a href=\"https:\/\/www.dmsjuridica.com\/JURISPRUDENCIA\/CORTE_CONSTITUCIONAL\/docs\/2025\/T-203-25.html\">\nT-203\/25<\/a> <br>\n&nbsp;<\/font><\/p>\n<p><font face=\"Verdana\" size=\"2\">DERECHO AL REFUGIO Alcance de la protecci\u00f3n internacional para los \nextranjeros <a href=\"https:\/\/www.dmsjuridica.com\/JURISPRUDENCIA\/CORTE_CONSTITUCIONAL\/docs\/2025\/T-156-25.html\">\nT-156\/25<\/a>&nbsp; &#8211; \n<a href=\"https:\/\/www.dmsjuridica.com\/JURISPRUDENCIA\/CORTE_CONSTITUCIONAL\/docs\/2025\/T-200-25.html\">\nT-200\/25<\/a> <br>\n&nbsp;<\/font><\/p>\n<p><font face=\"Verdana\" size=\"2\">DERECHO AL RETORNO Y A LA REPARACI\u00d3N COLECTIVA Implementaci\u00f3n de planes \nconcertados con autoridades y comunidades ind\u00edgenas, para regresar al territorio \nancestral <a href=\"https:\/\/www.dmsjuridica.com\/JURISPRUDENCIA\/CORTE_CONSTITUCIONAL\/docs\/2025\/T-050-25.html\">\nT-050\/25<\/a> <br>\n&nbsp;<\/font><\/p>\n<p><font face=\"Verdana\" size=\"2\">DERECHO AL TRABAJO DE PERSONAS CON DISCAPACIDAD Deber de promover una \ninclusi\u00f3n laboral acorde con las capacidades e intereses ocupacionales y \nvocacionales <a href=\"https:\/\/www.dmsjuridica.com\/JURISPRUDENCIA\/CORTE_CONSTITUCIONAL\/docs\/2025\/T-303-25.html\">\nT-303\/25<\/a> <br>\n&nbsp;<\/font><\/p>\n<p><font face=\"Verdana\" size=\"2\">DERECHO AL TRABAJO DE PERSONAS EN SITUACION DE DISCAPACIDAD Obligaci\u00f3n de \ngarantizar ajustes razonables <a href=\"https:\/\/www.dmsjuridica.com\/JURISPRUDENCIA\/CORTE_CONSTITUCIONAL\/docs\/2025\/T-062-25.html\">\nT-062\/25<\/a> <br>\n&nbsp;<\/font><\/p>\n<p><font face=\"Verdana\" size=\"2\">DERECHO AL TRABAJO DIGNO Y PROHIBICI\u00d3N DE DISCRIMINACI\u00d3N Vulneraci\u00f3n por \ndespido fundado en motivos religiosos <a href=\"https:\/\/www.dmsjuridica.com\/JURISPRUDENCIA\/CORTE_CONSTITUCIONAL\/docs\/2025\/T-073-25.html\">\nT-073\/25<\/a> <br>\n&nbsp;<\/font><\/p>\n<p><font face=\"Verdana\" size=\"2\">DERECHO AL TRABAJO EN CONDICIONES DIGNAS Y JUSTAS Aplicaci\u00f3n de enfoque \ndiferencial para empleados pertenecientes a comunidades \u00e9tnicas \n<a href=\"https:\/\/www.dmsjuridica.com\/JURISPRUDENCIA\/CORTE_CONSTITUCIONAL\/docs\/2025\/T-233-25.html\">\nT-233\/25<\/a> <br>\n&nbsp;<\/font><\/p>\n<p><font face=\"Verdana\" size=\"2\">DERECHO AL TRABAJO EN CONDICIONES DIGNAS Y JUSTAS Elementos interdependientes \ny esenciales <a href=\"https:\/\/www.dmsjuridica.com\/JURISPRUDENCIA\/CORTE_CONSTITUCIONAL\/docs\/2025\/T-104-25.html\">\nT-104\/25<\/a> <br>\n&nbsp;<\/font><\/p>\n<p><font face=\"Verdana\" size=\"2\">DERECHO AL TRABAJO EN CONDICIONES DIGNAS Y JUSTAS Erradicaci\u00f3n de cualquier \nforma de violencia y acoso contra la mujer por razones de g\u00e9nero \n<a href=\"https:\/\/www.dmsjuridica.com\/JURISPRUDENCIA\/CORTE_CONSTITUCIONAL\/docs\/2025\/T-104-25.html\">\nT-104\/25<\/a> &nbsp; &#8211;\n<a href=\"https:\/\/www.dmsjuridica.com\/JURISPRUDENCIA\/CORTE_CONSTITUCIONAL\/docs\/2025\/T-262-25.html\">\nT-262\/25<\/a> <br>\n&nbsp;<\/font><\/p>\n<p><font face=\"Verdana\" size=\"2\">DERECHO AL TRABAJO EN CONDICIONES DIGNAS Y JUSTAS Evaluaci\u00f3n de la solicitud \nde teletrabajo con enfoque diferencial <a href=\"https:\/\/www.dmsjuridica.com\/JURISPRUDENCIA\/CORTE_CONSTITUCIONAL\/docs\/2025\/T-233-25.html\">\nT-233\/25<\/a> <br>\n&nbsp;<\/font><\/p>\n<p><font face=\"Verdana\" size=\"2\">DERECHO AL TRABAJO EN CONDICIONES DIGNAS Y JUSTAS L\u00edmites a la designaci\u00f3n \ndel lugar de teletrabajo <a href=\"https:\/\/www.dmsjuridica.com\/JURISPRUDENCIA\/CORTE_CONSTITUCIONAL\/docs\/2025\/T-233-25.html\">\nT-233\/25<\/a> <br>\n&nbsp;<\/font><\/p>\n<p><font face=\"Verdana\" size=\"2\">DERECHO AL TRABAJO Y PROHIBICI\u00d3N DE DISCRIMINACI\u00d3N Deber de eliminar barreras \nestructurales que dificulten el acceso en condiciones laborales equitativas y la \nindependencia econ\u00f3mica de las mujeres <a href=\"https:\/\/www.dmsjuridica.com\/JURISPRUDENCIA\/CORTE_CONSTITUCIONAL\/docs\/2025\/T-065-25.html\">\nT-065\/25<\/a> <br>\n&nbsp;<\/font><\/p>\n<p><font face=\"Verdana\" size=\"2\">DERECHO AL TRABAJO Y UNIDAD FAMILIAR Deber de analizar las situaciones \nparticulares de los empleados en las solicitudes de teletrabajo\n<a href=\"https:\/\/www.dmsjuridica.com\/JURISPRUDENCIA\/CORTE_CONSTITUCIONAL\/docs\/2025\/T-233-25.html\">\nT-233\/25<\/a> <br>\n&nbsp;<\/font><\/p>\n<p><font face=\"Verdana\" size=\"2\">DERECHO DE ACCESO A LA ADMINISTRACI\u00d3N DE JUSTICIA Cosa juzgada de las \ndecisiones de la Comisi\u00f3n Nacional de Disciplina Judicial \n<a href=\"https:\/\/www.dmsjuridica.com\/JURISPRUDENCIA\/CORTE_CONSTITUCIONAL\/docs\/2025\/T-013-25.html\">\nT-013\/25<\/a> <br>\n&nbsp;<\/font><\/p>\n<p><font face=\"Verdana\" size=\"2\">DERECHO DE ACCESO A LA INFORMACI\u00d3N P\u00daBLICA Transparencia mediante suministro \nde c\u00f3digo fuente de aplicaci\u00f3n inform\u00e1tica <a href=\"https:\/\/www.dmsjuridica.com\/JURISPRUDENCIA\/CORTE_CONSTITUCIONAL\/docs\/2025\/T-067-25.html\">\nT-067\/25<\/a> <br>\n&nbsp;<\/font><\/p>\n<p><font face=\"Verdana\" size=\"2\">DERECHO DE ACCESO A LA INFORMACI\u00d3N P\u00daBLICA, LIBERTAD DE EXPRESI\u00d3N Y PRENSA \nUso de las redes sociales por parte de instituciones o autoridades para la \ndivulgaci\u00f3n de informaci\u00f3n oficial&nbsp; <a href=\"https:\/\/www.dmsjuridica.com\/JURISPRUDENCIA\/CORTE_CONSTITUCIONAL\/docs\/2025\/T-149-25.html\">\nT-149\/25<\/a> <br>\n&nbsp;<\/font><\/p>\n<p><font face=\"Verdana\" size=\"2\">DERECHO DE ACCESO A LA INFORMACI\u00d3N P\u00daBLICA, LIBERTAD DE EXPRESI\u00d3N Y PRENSA \nCriterios para determinar si bloqueo de interacci\u00f3n en red social constituye un \nacto de censura T-475\/24 &#8211; <a href=\"https:\/\/www.dmsjuridica.com\/JURISPRUDENCIA\/CORTE_CONSTITUCIONAL\/docs\/2025\/T-149-25.html\">\nT-149\/25<\/a> <br>\n&nbsp;<\/font><\/p>\n<p><font face=\"Verdana\" size=\"2\">DERECHO DE AUTOIDENTIFICACI\u00d3N DE LOS PUEBLOS IND\u00cdGENAS Alcance y contenido \n<a href=\"https:\/\/www.dmsjuridica.com\/JURISPRUDENCIA\/CORTE_CONSTITUCIONAL\/docs\/2025\/T-185-25.html\">\nT-185\/25<\/a> <br>\n&nbsp;<\/font><\/p>\n<p><font face=\"Verdana\" size=\"2\">DERECHO DE LA MUJER A TENER UNA VIDA LIBRE DE VIOLENCIA, DEBIDO PROCESO Y \nACCESO A LA ADMINISTRACI\u00d3N DE JUSTICIA Garant\u00edas procesales y sustanciales en \nlas actuaciones de las autoridades de familia&nbsp;\n<a href=\"https:\/\/www.dmsjuridica.com\/JURISPRUDENCIA\/CORTE_CONSTITUCIONAL\/docs\/2025\/T-242-25.html\">\nT-242\/25<\/a>&nbsp; &#8211; \n<a href=\"https:\/\/www.dmsjuridica.com\/JURISPRUDENCIA\/CORTE_CONSTITUCIONAL\/docs\/2025\/T-232-25.html\">\nT-232\/25<\/a> <br>\n&nbsp;<\/font><\/p>\n<p><font face=\"Verdana\" size=\"2\">DERECHO DE LAS MUJERES A UNA VIDA LIBRE DE VIOLENCIA Agresi\u00f3n sistem\u00e1tica y \nprolongada en el contexto dom\u00e9stico <a href=\"https:\/\/www.dmsjuridica.com\/JURISPRUDENCIA\/CORTE_CONSTITUCIONAL\/docs\/2025\/SU018-25.html\">\nSU.018\/25<\/a><br>\n&nbsp;<\/font><\/p>\n<p><font face=\"Verdana\" size=\"2\">DERECHO DE LAS MUJERES A UNA VIDA LIBRE DE VIOLENCIA Deber de tramitar y \nresolver los asuntos en un plazo razonable <a href=\"https:\/\/www.dmsjuridica.com\/JURISPRUDENCIA\/CORTE_CONSTITUCIONAL\/docs\/2025\/T-242-25.html\">\nT-242\/25<\/a>&nbsp; &#8211; \n<a href=\"https:\/\/www.dmsjuridica.com\/JURISPRUDENCIA\/CORTE_CONSTITUCIONAL\/docs\/2025\/T-235-25.html\">\nT-235\/25<\/a> <br>\n&nbsp;<\/font><\/p>\n<p><font face=\"Verdana\" size=\"2\">DERECHO DE LAS MUJERES A UNA VIDA LIBRE DE VIOLENCIA Obligaciones de las \ndependencias de la Procuradur\u00eda en la investigaci\u00f3n y sanci\u00f3n disciplinaria por \nposibles conductas de violencias basadas en g\u00e9nero \n<a href=\"https:\/\/www.dmsjuridica.com\/JURISPRUDENCIA\/CORTE_CONSTITUCIONAL\/docs\/2025\/T-235-25.html\">\nT-235\/25<\/a> <br>\n&nbsp;<\/font><\/p>\n<p><font face=\"Verdana\" size=\"2\">DERECHO DE LAS MUJERES A UNA VIDA LIBRE DE VIOLENCIA Seguimiento y \narticulaci\u00f3n institucional para garantizar las medidas de protecci\u00f3n y atenci\u00f3n \notorgadas por las autoridades de familia <a href=\"https:\/\/www.dmsjuridica.com\/JURISPRUDENCIA\/CORTE_CONSTITUCIONAL\/docs\/2025\/T-059-25.html\">\nT-059\/25<\/a>&nbsp; &#8211; \n<a href=\"https:\/\/www.dmsjuridica.com\/JURISPRUDENCIA\/CORTE_CONSTITUCIONAL\/docs\/2025\/T-144-25.html\">\nT-144\/25<\/a>&nbsp;&nbsp; &#8211;\n<a href=\"https:\/\/www.dmsjuridica.com\/JURISPRUDENCIA\/CORTE_CONSTITUCIONAL\/docs\/2025\/T-242-25.html\">\nT-242\/25<\/a>&nbsp; &#8211; \n<a href=\"https:\/\/www.dmsjuridica.com\/JURISPRUDENCIA\/CORTE_CONSTITUCIONAL\/docs\/2025\/T-027-25.html\">\nT-027\/25<\/a> <br>\n&nbsp;<\/font><\/p>\n<p><font face=\"Verdana\" size=\"2\">DERECHO DE LAS MUJERES A UNA VIDA POL\u00cdTICA LIBRE DE VIOLENCIA Alcance y \ncontenido <a href=\"https:\/\/www.dmsjuridica.com\/JURISPRUDENCIA\/CORTE_CONSTITUCIONAL\/docs\/2025\/T-149-25.html\">\nT-149\/25<\/a> <br>\n&nbsp;<\/font><\/p>\n<p><font face=\"Verdana\" size=\"2\">DERECHO DE LAS MUJERES A UNA VIDA POL\u00cdTICA LIBRE DE VIOLENCIA Caracterizaci\u00f3n \nde la violencia en el entorno pol\u00edtico <a href=\"https:\/\/www.dmsjuridica.com\/JURISPRUDENCIA\/CORTE_CONSTITUCIONAL\/docs\/2025\/T-149-25.html\">\nT-149\/25<\/a> <br>\n&nbsp;<\/font><\/p>\n<p><font face=\"Verdana\" size=\"2\">DERECHO DE LAS MUJERES A UNA VIDA POL\u00cdTICA LIBRE DE VIOLENCIA Criterios para \nresolver la tensi\u00f3n con la libertad de expresi\u00f3n y el acceso a la informaci\u00f3n \np\u00fablica en el entorno pol\u00edtico <a href=\"https:\/\/www.dmsjuridica.com\/JURISPRUDENCIA\/CORTE_CONSTITUCIONAL\/docs\/2025\/T-149-25.html\">\nT-149\/25<\/a> <br>\n&nbsp;<\/font><\/p>\n<p><font face=\"Verdana\" size=\"2\">DERECHO DE LAS MUJERES A UNA VIDA POL\u00cdTICA LIBRE DE VIOLENCIA Mecanismos para \nlimitar la violencia contra las mujeres en redes sociales \n<a href=\"https:\/\/www.dmsjuridica.com\/JURISPRUDENCIA\/CORTE_CONSTITUCIONAL\/docs\/2025\/T-149-25.html\">\nT-149\/25<\/a> <br>\n&nbsp;<\/font><\/p>\n<p><font face=\"Verdana\" size=\"2\">DERECHO DE LAS PERSONAS EN SITUACI\u00d3N DE DISCAPACIDAD A UNA VIDA INDEPENDIENTE \nCondiciones para otorgar consentimiento informado \n<a href=\"https:\/\/www.dmsjuridica.com\/JURISPRUDENCIA\/CORTE_CONSTITUCIONAL\/docs\/2025\/T-226-25.html\">\nT-226\/25<\/a> <br>\n&nbsp;<\/font><\/p>\n<p><font face=\"Verdana\" size=\"2\">DERECHO DE LAS PERSONAS EN SITUACI\u00d3N DE DISCAPACIDAD A UNA VIDA INDEPENDIENTE \nDeber institucional de implementar programas que faciliten la integraci\u00f3n, \nrelaci\u00f3n y participaci\u00f3n en la sociedad <a href=\"https:\/\/www.dmsjuridica.com\/JURISPRUDENCIA\/CORTE_CONSTITUCIONAL\/docs\/2025\/T-199-25.html\">\nT-199\/25<\/a>&nbsp; &#8211; \n<a href=\"https:\/\/www.dmsjuridica.com\/JURISPRUDENCIA\/CORTE_CONSTITUCIONAL\/docs\/2025\/T-303-25.html\">\nT-303\/25<\/a> <br>\n&nbsp;<\/font><\/p>\n<p><font face=\"Verdana\" size=\"2\">DERECHO DE LOS MIGRANTES A LA UNIDAD FAMILIAR Protecci\u00f3n \n<a href=\"https:\/\/www.dmsjuridica.com\/JURISPRUDENCIA\/CORTE_CONSTITUCIONAL\/docs\/2025\/T-159-25.html\">\nT-159\/25<\/a> <br>\n&nbsp;<\/font><\/p>\n<p><font face=\"Verdana\" size=\"2\">DERECHO DE PARTICIPACI\u00d3N POL\u00cdTICA Contenido y alcance \n<a href=\"https:\/\/www.dmsjuridica.com\/JURISPRUDENCIA\/CORTE_CONSTITUCIONAL\/docs\/2025\/T-230-25.html\">\nT-230\/25<\/a> <br>\n&nbsp;<\/font><\/p>\n<p><font face=\"Verdana\" size=\"2\">DERECHO DE PETICION ANTE AUTORIDADES Implica el deber de asesor\u00eda y \nacompa\u00f1amiento a los peticionarios, por parte de la administraci\u00f3n \n<a href=\"https:\/\/www.dmsjuridica.com\/JURISPRUDENCIA\/CORTE_CONSTITUCIONAL\/docs\/2025\/T-078-25.html\">\nT-078\/25<\/a> <br>\n&nbsp;<\/font><\/p>\n<p><font face=\"Verdana\" size=\"2\">DERECHO DE PRELACI\u00d3N DE LOS PUEBLOS \u00c9TNICOS Alcance y Contenido \n<a href=\"https:\/\/www.dmsjuridica.com\/JURISPRUDENCIA\/CORTE_CONSTITUCIONAL\/docs\/2025\/T-105-25.html\">\nT-105\/25<\/a> <br>\n&nbsp;<\/font><\/p>\n<p><font face=\"Verdana\" size=\"2\">DERECHO DE PRELACI\u00d3N DE LOS PUEBLOS \u00c9TNICOS Finalidad \n<a href=\"https:\/\/www.dmsjuridica.com\/JURISPRUDENCIA\/CORTE_CONSTITUCIONAL\/docs\/2025\/T-105-25.html\">\nT-105\/25<\/a> <br>\n&nbsp;<\/font><\/p>\n<p><font face=\"Verdana\" size=\"2\">DERECHO DE PRELACI\u00d3N DE LOS PUEBLOS \u00c9TNICOS Naturaleza \n<a href=\"https:\/\/www.dmsjuridica.com\/JURISPRUDENCIA\/CORTE_CONSTITUCIONAL\/docs\/2025\/T-105-25.html\">\nT-105\/25<\/a> <br>\n&nbsp;<\/font><\/p>\n<p><font face=\"Verdana\" size=\"2\">DERECHO FUNDAMENTAL A LA RESTITUCION DE TIERRAS DE LAS VICTIMAS DEL CONFLICTO \nARMADO Alcance y contenido de la restituci\u00f3n por equivalencia \n<a href=\"https:\/\/www.dmsjuridica.com\/JURISPRUDENCIA\/CORTE_CONSTITUCIONAL\/docs\/2025\/T-084-25.html\">\nT-084\/25<\/a> <br>\n&nbsp;<\/font><\/p>\n<p><font face=\"Verdana\" size=\"2\">DERECHO FUNDAMENTAL AL CUIDADO Alcance y contenido \n<a href=\"https:\/\/www.dmsjuridica.com\/JURISPRUDENCIA\/CORTE_CONSTITUCIONAL\/docs\/2025\/T-199-25.html\">\nT-199\/25<\/a> <br>\n&nbsp;<\/font><\/p>\n<p><font face=\"Verdana\" size=\"2\">DERECHO FUNDAMENTAL AL CUIDADO Deber de solidaridad entre la familia, la \nsociedad y el Estado <a href=\"https:\/\/www.dmsjuridica.com\/JURISPRUDENCIA\/CORTE_CONSTITUCIONAL\/docs\/2025\/T-011-25.html\">\nT-011\/25<\/a>&nbsp; &#8211; \n<a href=\"https:\/\/www.dmsjuridica.com\/JURISPRUDENCIA\/CORTE_CONSTITUCIONAL\/docs\/2025\/T-167-25.html\">\nT-167\/25<\/a>&nbsp; &#8211; \n<a href=\"https:\/\/www.dmsjuridica.com\/JURISPRUDENCIA\/CORTE_CONSTITUCIONAL\/docs\/2025\/T-158-25.html\">\nT-158\/25<\/a>&nbsp; &#8211; \n<a href=\"https:\/\/www.dmsjuridica.com\/JURISPRUDENCIA\/CORTE_CONSTITUCIONAL\/docs\/2025\/T-199-25.html\">\nT-199\/25<\/a>&nbsp; &#8211; \n<a href=\"https:\/\/www.dmsjuridica.com\/JURISPRUDENCIA\/CORTE_CONSTITUCIONAL\/docs\/2025\/T-226-25.html\">\nT-226\/25<\/a>&nbsp; &#8211; \n<a href=\"https:\/\/www.dmsjuridica.com\/JURISPRUDENCIA\/CORTE_CONSTITUCIONAL\/docs\/2025\/T-283-25.html\">\nT-283\/25<\/a> <br>\n&nbsp;<\/font><\/p>\n<p><font face=\"Verdana\" size=\"2\">DERECHO FUNDAMENTAL AL CUIDADO Deber de solucionar situaciones de abandono \nsocial <a href=\"https:\/\/www.dmsjuridica.com\/JURISPRUDENCIA\/CORTE_CONSTITUCIONAL\/docs\/2025\/T-226-25.html\">\nT-226\/25<\/a>&nbsp; &#8211; \n<a href=\"https:\/\/www.dmsjuridica.com\/JURISPRUDENCIA\/CORTE_CONSTITUCIONAL\/docs\/2025\/T-303-25.html\">\nT-303\/25<\/a> <br>\n&nbsp;<\/font><\/p>\n<p><font face=\"Verdana\" size=\"2\">DERECHO FUNDAMENTAL AL CUIDADO Disimetr\u00eda de g\u00e9nero en la distribuci\u00f3n del \ntrabajo (actividad de cuidado personal) <a href=\"https:\/\/www.dmsjuridica.com\/JURISPRUDENCIA\/CORTE_CONSTITUCIONAL\/docs\/2025\/T-199-25.html\">\nT-199\/25<\/a> <br>\n&nbsp;<\/font><\/p>\n<p><font face=\"Verdana\" size=\"2\">DERECHO FUNDAMENTAL AL CUIDADO Est\u00e1ndar de protecci\u00f3n \n<a href=\"https:\/\/www.dmsjuridica.com\/JURISPRUDENCIA\/CORTE_CONSTITUCIONAL\/docs\/2025\/T-199-25.html\">\nT-199\/25<\/a> <br>\n&nbsp;<\/font><\/p>\n<p><font face=\"Verdana\" size=\"2\">DERECHO FUNDAMENTAL AL CUIDADO Evoluci\u00f3n jurisprudencial&nbsp;\n<a href=\"https:\/\/www.dmsjuridica.com\/JURISPRUDENCIA\/CORTE_CONSTITUCIONAL\/docs\/2025\/T-199-25.html\">\nT-199\/25<\/a>&nbsp; \n&#8211; <a href=\"https:\/\/www.dmsjuridica.com\/JURISPRUDENCIA\/CORTE_CONSTITUCIONAL\/docs\/2025\/T-226-25.html\">\nT-226\/25<\/a> <br>\n&nbsp;<\/font><\/p>\n<p><font face=\"Verdana\" size=\"2\">DERECHO FUNDAMENTAL AL CUIDADO Instrumentos internacionales&nbsp;\n<a href=\"https:\/\/www.dmsjuridica.com\/JURISPRUDENCIA\/CORTE_CONSTITUCIONAL\/docs\/2025\/T-199-25.html\">\nT-199\/25<\/a> <br>\n&nbsp;<\/font><\/p>\n<p><font face=\"Verdana\" size=\"2\">DERECHOS A LA CAPACIDAD JUR\u00cdDICA, A LA INDEPENDENCIA, LA LIBERTAD Y A SER \nINCLUIDO EN COMUNIDAD Discriminaci\u00f3n por institucionalizaci\u00f3n de personas en \nsituaci\u00f3n de discapacidad&nbsp; <a href=\"https:\/\/www.dmsjuridica.com\/JURISPRUDENCIA\/CORTE_CONSTITUCIONAL\/docs\/2025\/T-178-25.html\">\nT-178\/25<\/a>&nbsp; &#8211; \n<a href=\"https:\/\/www.dmsjuridica.com\/JURISPRUDENCIA\/CORTE_CONSTITUCIONAL\/docs\/2025\/T-199-25.html\">\nT-199\/25<\/a>&nbsp; &#8211; \n<a href=\"https:\/\/www.dmsjuridica.com\/JURISPRUDENCIA\/CORTE_CONSTITUCIONAL\/docs\/2025\/T-226-25.html\">\nT-226\/25<\/a> <br>\n&nbsp;<\/font><\/p>\n<p><font face=\"Verdana\" size=\"2\">DERECHOS A LA PARTICIPACI\u00d3N, ETNOEDUCACI\u00d3N E IDENTIDAD CULTURAL Deber de \nconcertar las reglas del concurso de m\u00e9ritos para la selecci\u00f3n de docentes y \ncargos administrativos <a href=\"https:\/\/www.dmsjuridica.com\/JURISPRUDENCIA\/CORTE_CONSTITUCIONAL\/docs\/2025\/T-140-25.html\">\nT-140\/25<\/a> <br>\n&nbsp;<\/font><\/p>\n<p><font face=\"Verdana\" size=\"2\">DERECHOS A LA PROPIA IMAGEN Y A LA INTIMIDAD Consentimiento del titular para \npublicar y divulgar su imagen en redes sociales \n<a href=\"https:\/\/www.dmsjuridica.com\/JURISPRUDENCIA\/CORTE_CONSTITUCIONAL\/docs\/2025\/T-152-25.html\">\nT-152\/25<\/a> <br>\n&nbsp;<\/font><\/p>\n<p><font face=\"Verdana\" size=\"2\">DERECHOS A LA SALUD MENTAL Y AL TRABAJO DIGNO Empleador debe valorar y \nrealizar ajustes efectivos de carga laboral, seg\u00fan las recomendaciones m\u00e9dicas \n<a href=\"https:\/\/www.dmsjuridica.com\/JURISPRUDENCIA\/CORTE_CONSTITUCIONAL\/docs\/2025\/T-115-25.html\">\nT-115\/25<\/a> <br>\n&nbsp;<\/font><\/p>\n<p><font face=\"Verdana\" size=\"2\">DERECHOS A LA SALUD MENTAL Y AL TRABAJO DIGNO Prevenci\u00f3n, identificaci\u00f3n y \natenci\u00f3n de los riesgos psicosociales <a href=\"https:\/\/www.dmsjuridica.com\/JURISPRUDENCIA\/CORTE_CONSTITUCIONAL\/docs\/2025\/T-115-25.html\">\nT-115\/25<\/a> <br>\n&nbsp;<\/font><\/p>\n<p><font face=\"Verdana\" size=\"2\">DERECHOS A LA VIDA, INTEGRIDAD Y SEGURIDAD PERSONAL Medidas de seguridad \nasignadas por la Unidad Nacional de Protecci\u00f3n deben ser acordes con el riesgo \nde la poblaci\u00f3n l\u00edder y defensora de derechos humanos \n<a href=\"https:\/\/www.dmsjuridica.com\/JURISPRUDENCIA\/CORTE_CONSTITUCIONAL\/docs\/2025\/T-091-25.html\">\nT-091\/25<\/a>&nbsp; &#8211; \n<a href=\"https:\/\/www.dmsjuridica.com\/JURISPRUDENCIA\/CORTE_CONSTITUCIONAL\/docs\/2025\/T-081-25.html\">\nT-081\/25<\/a>&nbsp; &#8211;\n<a href=\"https:\/\/www.dmsjuridica.com\/JURISPRUDENCIA\/CORTE_CONSTITUCIONAL\/docs\/2025\/T-305-25.html\">\nT-305\/25<\/a> <br>\n&nbsp;<\/font><\/p>\n<p><font face=\"Verdana\" size=\"2\">DERECHOS A LA VIDA, INTEGRIDAD Y SEGURIDAD PERSONAL Prestaciones que la \nUnidad Nacional de Protecci\u00f3n debe garantizar al asignar veh\u00edculos en esquemas \nde seguridad a la poblaci\u00f3n l\u00edder y defensora de derechos humanos \n<a href=\"https:\/\/www.dmsjuridica.com\/JURISPRUDENCIA\/CORTE_CONSTITUCIONAL\/docs\/2025\/T-091-25.html\">\nT-091\/25<\/a> <br>\n&nbsp;<\/font><\/p>\n<p><font face=\"Verdana\" size=\"2\">DERECHOS A LA VIDA, LIBERTAD, INTEGRIDAD Y SEGURIDAD DE PERSONAS, GRUPOS Y \nCOMUNIDADES Deber del Estado de asegurar condiciones seguras dentro del \nterritorio de resguardo ind\u00edgena <a href=\"https:\/\/www.dmsjuridica.com\/JURISPRUDENCIA\/CORTE_CONSTITUCIONAL\/docs\/2025\/T-050-25.html\">\nT-050\/25<\/a> <br>\n&nbsp;<\/font><\/p>\n<p><font face=\"Verdana\" size=\"2\">DERECHOS AL DEBIDO PROCESO ADMINISTRATIVO Y AL ASILO Alcance de causal de \ncesaci\u00f3n de la condici\u00f3n de refugiado por haberse acogido de nuevo, \nvoluntariamente, a la protecci\u00f3n del pa\u00eds de su nacionalidad \n<a href=\"https:\/\/www.dmsjuridica.com\/JURISPRUDENCIA\/CORTE_CONSTITUCIONAL\/docs\/2025\/T-042A-25.html\">\nT-042A\/25<\/a> <br>\n&nbsp;<\/font><\/p>\n<p><font face=\"Verdana\" size=\"2\">DERECHOS AL DEBIDO PROCESO Y ACCESO A LA ADMINISTRACION DE JUSTICIA \nVulneraci\u00f3n por dilaci\u00f3n injustificada en la inscripci\u00f3n en el registro civil de \ndefunci\u00f3n de v\u00edctimas del conflicto armado <a href=\"https:\/\/www.dmsjuridica.com\/JURISPRUDENCIA\/CORTE_CONSTITUCIONAL\/docs\/2025\/T-015-25.html\">\nT-015\/25<\/a> <br>\n&nbsp;<\/font><\/p>\n<p><font face=\"Verdana\" size=\"2\">DERECHOS AL DEBIDO PROCESO, IGUALDAD, VIDA DIGNA, SEGURIDAD SOCIAL Y M\u00cdNIMO \nVITAL Protecci\u00f3n transitoria por suspensi\u00f3n de la pensi\u00f3n de sobrevivientes, en \nel r\u00e9gimen de la Fuerza P\u00fablica, a persona beneficiaria en condici\u00f3n de \ndiscapacidad <a href=\"https:\/\/www.dmsjuridica.com\/JURISPRUDENCIA\/CORTE_CONSTITUCIONAL\/docs\/2025\/T-021-25.html\">\nT-021\/25<\/a> <br>\n&nbsp;<\/font><\/p>\n<p><font face=\"Verdana\" size=\"2\">DERECHOS AL TRABAJO, M\u00cdNIMO VITAL Y VIDA DIGNA Vulneraci\u00f3n al terminar \nrelaci\u00f3n laboral de prestaci\u00f3n de servicios, por existir controversia judicial \nentre las partes <a href=\"https:\/\/www.dmsjuridica.com\/JURISPRUDENCIA\/CORTE_CONSTITUCIONAL\/docs\/2025\/T-034-25.html\">\nT-034\/25<\/a> <br>\n&nbsp;<\/font><\/p>\n<p><font face=\"Verdana\" size=\"2\">DERECHOS CIERTOS E INDISCUTIBLES Concepto \n<a href=\"https:\/\/www.dmsjuridica.com\/JURISPRUDENCIA\/CORTE_CONSTITUCIONAL\/docs\/2025\/SU111-25.html\">\nSU.111\/25<\/a> <br>\n&nbsp;<\/font><\/p>\n<p><font face=\"Verdana\" size=\"2\">DERECHOS DE LA POBLACI\u00d3N EN SITUACI\u00d3N DE CALLE Deber de implementar el Plan \nNacional de Atenci\u00f3n Integral a la Poblaci\u00f3n Habitante de la Calle \n<a href=\"https:\/\/www.dmsjuridica.com\/JURISPRUDENCIA\/CORTE_CONSTITUCIONAL\/docs\/2025\/T-030-25.html\">\nT-030\/25<\/a> <br>\n&nbsp;<\/font><\/p>\n<p><font face=\"Verdana\" size=\"2\">DERECHOS DE LA POBLACI\u00d3N EN SITUACI\u00d3N DE CALLE Vulneraci\u00f3n por falta de \nm\u00e9todo centralizado de focalizaci\u00f3n y priorizaci\u00f3n para el acceso a programas \nsociales <a href=\"https:\/\/www.dmsjuridica.com\/JURISPRUDENCIA\/CORTE_CONSTITUCIONAL\/docs\/2025\/T-030-25.html\">\nT-030\/25<\/a> <br>\n&nbsp;<\/font><\/p>\n<p><font face=\"Verdana\" size=\"2\">DERECHOS DE LAS VICTIMAS DEL CONFLICTO ARMADO Deber del Estado de prevenir el \ndesplazamiento forzado <a href=\"https:\/\/www.dmsjuridica.com\/JURISPRUDENCIA\/CORTE_CONSTITUCIONAL\/docs\/2025\/T-014-25.html\">\nT-014\/25<\/a> <br>\n&nbsp;<\/font><\/p>\n<p><font face=\"Verdana\" size=\"2\">DERECHOS DE LOS MIGRANTES Deberes de Migraci\u00f3n Colombia \n<a href=\"https:\/\/www.dmsjuridica.com\/JURISPRUDENCIA\/CORTE_CONSTITUCIONAL\/docs\/2025\/T-060-25.html\">\nT-060\/25<\/a>&nbsp; &#8211; \n<a href=\"https:\/\/www.dmsjuridica.com\/JURISPRUDENCIA\/CORTE_CONSTITUCIONAL\/docs\/2025\/T-159-25.html\">\nT-159\/25<\/a>&nbsp; &#8211; \n<a href=\"https:\/\/www.dmsjuridica.com\/JURISPRUDENCIA\/CORTE_CONSTITUCIONAL\/docs\/2025\/T-213-25.html\">\nT-213\/25<\/a><br>\n&nbsp;<\/font><\/p>\n<p><font face=\"Verdana\" size=\"2\">DERECHOS DE NI\u00d1OS, NI\u00d1AS Y ADOLESCENTES EN SITUACI\u00d3N DE DISCAPACIDAD \nObligaci\u00f3n de adoptar ajustes razonables como garant\u00eda de protecci\u00f3n \nconstitucional reforzada <a href=\"https:\/\/www.dmsjuridica.com\/JURISPRUDENCIA\/CORTE_CONSTITUCIONAL\/docs\/2025\/T-286-25.html\">\nT-286\/25<\/a> <br>\n&nbsp;<\/font><\/p>\n<p><font face=\"Verdana\" size=\"2\">DERECHOS DE PETICI\u00d3N Y A LA EDUCACI\u00d3N SUPERIOR Condiciones para flexibilizar \nlos requisitos para la renovaci\u00f3n de cr\u00e9ditos educativos \n<a href=\"https:\/\/www.dmsjuridica.com\/JURISPRUDENCIA\/CORTE_CONSTITUCIONAL\/docs\/2025\/T-285-25.html\">\nT-285\/25<\/a> <br>\n&nbsp;<\/font><\/p>\n<p><font face=\"Verdana\" size=\"2\">DERECHOS DE PETICI\u00d3N Y ACCESO A LA INFORMACI\u00d3N P\u00daBLICA Alcance del deber de \nprocesar la informaci\u00f3n para entregarla clasificada a los peticionarios \n<a href=\"https:\/\/www.dmsjuridica.com\/JURISPRUDENCIA\/CORTE_CONSTITUCIONAL\/docs\/2025\/T-173-25.html\">\nT-173\/25<\/a> <br>\n&nbsp;<\/font><\/p>\n<p><font face=\"Verdana\" size=\"2\">DERECHOS FUNDAMENTALES DE POBLACION HABITANTES DE LA CALLE Deber de \nimplementar acciones efectivas para lograr su inclusi\u00f3n social \n<a href=\"https:\/\/www.dmsjuridica.com\/JURISPRUDENCIA\/CORTE_CONSTITUCIONAL\/docs\/2025\/T-293-25.html\">\nT-293\/25<\/a> <\/font><\/p>\n<p><font face=\"Verdana\" size=\"2\">DERECHOS FUNDAMENTALES DE POBLACION HABITANTES DE LA CALLE Desarrollo de la \nvida cotidiana en el espacio p\u00fablico <a href=\"https:\/\/www.dmsjuridica.com\/JURISPRUDENCIA\/CORTE_CONSTITUCIONAL\/docs\/2025\/T-152-25.html\">\nT-152\/25<\/a> <br>\n&nbsp;<\/font><\/p>\n<p><font face=\"Verdana\" size=\"2\">DERECHOS FUNDAMENTALES DE POBLACION HABITANTES DE LA CALLE Factores de riesgo \ny trayectorias vitales de las mujeres <a href=\"https:\/\/www.dmsjuridica.com\/JURISPRUDENCIA\/CORTE_CONSTITUCIONAL\/docs\/2025\/T-152-25.html\">\nT-152\/25<\/a> <br>\n&nbsp;<\/font><\/p>\n<p><font face=\"Verdana\" size=\"2\">DERECHOS FUNDAMENTALES DEL ADULTO MAYOR Obligaci\u00f3n del Estado de tomar \nmedidas para atender el fen\u00f3meno de la soledad, el aislamiento y el abandono \n<a href=\"https:\/\/www.dmsjuridica.com\/JURISPRUDENCIA\/CORTE_CONSTITUCIONAL\/docs\/2025\/T-030-25.html\">\nT-030\/25<\/a> <br>\n&nbsp;<\/font><\/p>\n<p><font face=\"Verdana\" size=\"2\">DERECHOS LABORALES DE LOS SERVIDORES PUBLICOS Acceso a la modalidad de \nteletrabajo aut\u00f3nomo <a href=\"https:\/\/www.dmsjuridica.com\/JURISPRUDENCIA\/CORTE_CONSTITUCIONAL\/docs\/2025\/T-233-25.html\">\nT-233\/25<\/a> <br>\n&nbsp;<\/font><\/p>\n<p><font face=\"Verdana\" size=\"2\">DESPIDO DISCRIMINATORIO POR RAZONES RELIGIOSAS Juicio de proporcionalidad \n<a href=\"https:\/\/www.dmsjuridica.com\/JURISPRUDENCIA\/CORTE_CONSTITUCIONAL\/docs\/2025\/T-073-25.html\">\nT-073\/25<\/a> <br>\n&nbsp;<\/font><\/p>\n<p><font face=\"Verdana\" size=\"2\">EJECUCI\u00d3N DE LA PENA Definici\u00f3n del t\u00e9rmino mes \n<a href=\"https:\/\/www.dmsjuridica.com\/JURISPRUDENCIA\/CORTE_CONSTITUCIONAL\/docs\/2025\/T-284-25.html\">\nT-284\/25<\/a> <br>\n&nbsp;<\/font><\/p>\n<p><font face=\"Verdana\" size=\"2\">EJERCITO NACIONAL Principios de necesidad y proporcionalidad en el uso de la \nfuerza estatal <a href=\"https:\/\/www.dmsjuridica.com\/JURISPRUDENCIA\/CORTE_CONSTITUCIONAL\/docs\/2025\/T-211-25.html\">\nT-211\/25<\/a> <br>\n&nbsp;<\/font><\/p>\n<p><font face=\"Verdana\" size=\"2\">ELECCI\u00d3N POPULAR Jurisprudencia constitucional&nbsp;\n<a href=\"https:\/\/www.dmsjuridica.com\/JURISPRUDENCIA\/CORTE_CONSTITUCIONAL\/docs\/2025\/SU070-25.html\">\nSU.070\/25<\/a> <\/font><\/p>\n<p><font face=\"Verdana\" size=\"2\">ENFOQUE DE GENERO Aplicaci\u00f3n en el control de constitucionalidad de normas \n<a href=\"https:\/\/www.dmsjuridica.com\/JURISPRUDENCIA\/CORTE_CONSTITUCIONAL\/docs\/2025\/C-039-25.html\">\nC-039\/25<\/a> <br>\n&nbsp;<\/font><\/p>\n<p><font face=\"Verdana\" size=\"2\">ENFOQUE DE G\u00c9NERO EN EL MODELO SOCIAL DE LA DISCAPACIDAD Deberes de los \nmedios de comunicaci\u00f3n en la publicaci\u00f3n de fotograf\u00edas con contenido sensible \n<a href=\"https:\/\/www.dmsjuridica.com\/JURISPRUDENCIA\/CORTE_CONSTITUCIONAL\/docs\/2025\/T-152-25.html\">\nT-152\/25<\/a> <br>\n&nbsp;<\/font><\/p>\n<p><font face=\"Verdana\" size=\"2\">ESTABILIDAD LABORAL REFORZADA DE PREPENSIONADO Protecci\u00f3n de trabajadores \nafiliados al R\u00e9gimen de Ahorro Individual con Solidaridad (RAIS)&nbsp;\n<a href=\"https:\/\/www.dmsjuridica.com\/JURISPRUDENCIA\/CORTE_CONSTITUCIONAL\/docs\/2025\/T-137-25.html\">\nT-137\/25<\/a> <br>\n&nbsp;<\/font><\/p>\n<p><font face=\"Verdana\" size=\"2\">ESTABILIDAD LABORAL REFORZADA DURANTE LA LICENCIA DE PATERNIDAD Alcance y \ncontenido <a href=\"https:\/\/www.dmsjuridica.com\/JURISPRUDENCIA\/CORTE_CONSTITUCIONAL\/docs\/2025\/T-164-25.html\">\nT-164\/25<\/a> <br>\n&nbsp;<\/font><\/p>\n<p><font face=\"Verdana\" size=\"2\">ESTABILIDAD LABORAL REFORZADA DURANTE LA LICENCIA DE PATERNIDAD Vulneraci\u00f3n \npor terminaci\u00f3n del contrato <a href=\"https:\/\/www.dmsjuridica.com\/JURISPRUDENCIA\/CORTE_CONSTITUCIONAL\/docs\/2025\/T-164-25.html\">\nT-164\/25<\/a> <br>\n&nbsp;<\/font><\/p>\n<p><font face=\"Verdana\" size=\"2\">ESTABILIZACI\u00d3N SOCIOECON\u00d3MICA DE LA POBLACI\u00d3N DESPLAZADA Deberes de las \nentidades del Sistema Nacional de Atenci\u00f3n y Reparaci\u00f3n Integral a las V\u00edctimas \n(SNARIV) T-193\/25<br>\n&nbsp;<\/font><\/p>\n<p><font face=\"Verdana\" size=\"2\">ESTADO DE CONMOCI\u00d3N INTERIOR Alcance \n<a href=\"https:\/\/www.dmsjuridica.com\/JURISPRUDENCIA\/CORTE_CONSTITUCIONAL\/docs\/2025\/C-207-25.html\">\nC-207\/25<\/a>&nbsp; &#8211;\n<a href=\"https:\/\/www.dmsjuridica.com\/JURISPRUDENCIA\/CORTE_CONSTITUCIONAL\/docs\/2025\/C-220-25.html\">\nC-220\/25<\/a> <br>\n&nbsp;<\/font><\/p>\n<p><font face=\"Verdana\" size=\"2\">EXHORTO Administradoras de Fondos de Pensiones \n<a href=\"https:\/\/www.dmsjuridica.com\/JURISPRUDENCIA\/CORTE_CONSTITUCIONAL\/docs\/2025\/T-241-25.html\">\nT-241\/25<\/a> <br>\n&nbsp;<\/font><\/p>\n<p><font face=\"Verdana\" size=\"2\">EXHORTO Autoridades administrativas \n<a href=\"https:\/\/www.dmsjuridica.com\/JURISPRUDENCIA\/CORTE_CONSTITUCIONAL\/docs\/2025\/C-039-25.html\">\nC-039\/25<\/a> <br>\n&nbsp;<\/font><\/p>\n<p><font face=\"Verdana\" size=\"2\">EXHORTO Congreso de la Rep\u00fablica, Ministerio de Relaciones Exteriores y \nUnidad Administrativa Especial Migraci\u00f3n Colombia \n<a href=\"https:\/\/www.dmsjuridica.com\/JURISPRUDENCIA\/CORTE_CONSTITUCIONAL\/docs\/2025\/T-060-25.html\">\nT-060\/25<\/a> <br>\n&nbsp;<\/font><\/p>\n<p><font face=\"Verdana\" size=\"2\">EXHORTO Consejo Superior de la Judicatura \n<a href=\"https:\/\/www.dmsjuridica.com\/JURISPRUDENCIA\/CORTE_CONSTITUCIONAL\/docs\/2025\/T-131-25.html\">\nT-131\/25<\/a>&nbsp; &#8211; \n<a href=\"https:\/\/www.dmsjuridica.com\/JURISPRUDENCIA\/CORTE_CONSTITUCIONAL\/docs\/2025\/T-280-25.html\">\nT-280\/25<\/a> <br>\n&nbsp;<\/font><\/p>\n<p><font face=\"Verdana\" size=\"2\">EXHORTO Federaci\u00f3n Colombiana de Deportes para Sordos (Fecoldes) \n<a href=\"https:\/\/www.dmsjuridica.com\/JURISPRUDENCIA\/CORTE_CONSTITUCIONAL\/docs\/2025\/T-286-25.html\">\nT-286\/25<\/a> <br>\n&nbsp;<\/font><\/p>\n<p><font face=\"Verdana\" size=\"2\">EXHORTO Federaci\u00f3n Nacional de Sordos de Colombia (Fenascol) \n<a href=\"https:\/\/www.dmsjuridica.com\/JURISPRUDENCIA\/CORTE_CONSTITUCIONAL\/docs\/2025\/T-286-25.html\">\nT-286\/25<\/a> <br>\n&nbsp;<\/font><\/p>\n<p><font face=\"Verdana\" size=\"2\">EXHORTO Instituto Colombiano de Cr\u00e9dito Educativo y Estudios T\u00e9cnicos en el \nExterior (ICETEX) <a href=\"https:\/\/www.dmsjuridica.com\/JURISPRUDENCIA\/CORTE_CONSTITUCIONAL\/docs\/2025\/T-285-25.html\">\nT-285\/25<\/a> <br>\n&nbsp;<\/font><\/p>\n<p><font face=\"Verdana\" size=\"2\">EXHORTO Instituto Nacional para Sordos (Insor) \n<a href=\"https:\/\/www.dmsjuridica.com\/JURISPRUDENCIA\/CORTE_CONSTITUCIONAL\/docs\/2025\/T-286-25.html\">\nT-286\/25<\/a><br>\n&nbsp;<\/font><\/p>\n<p><font face=\"Verdana\" size=\"2\">EXHORTO Ministerio de Hacienda y Cr\u00e9dito P\u00fablico \n<a href=\"https:\/\/www.dmsjuridica.com\/JURISPRUDENCIA\/CORTE_CONSTITUCIONAL\/docs\/2025\/T-169-25.html\">\nT-169\/25<\/a>&nbsp;&nbsp; &#8211;\n<a href=\"https:\/\/www.dmsjuridica.com\/JURISPRUDENCIA\/CORTE_CONSTITUCIONAL\/docs\/2025\/T-241-25.html\">\nT-241\/25<\/a> <br>\n&nbsp;<\/font><\/p>\n<p><font face=\"Verdana\" size=\"2\">EXHORTO Ministerio de Justicia y del Derecho \n<a href=\"https:\/\/www.dmsjuridica.com\/JURISPRUDENCIA\/CORTE_CONSTITUCIONAL\/docs\/2025\/T-144-25.html\">\nT-144\/25<\/a> <br>\n&nbsp;<\/font><\/p>\n<p><font face=\"Verdana\" size=\"2\">EXHORTO Ministerio de la Igualdad \n<a href=\"https:\/\/www.dmsjuridica.com\/JURISPRUDENCIA\/CORTE_CONSTITUCIONAL\/docs\/2025\/T-286-25.html\">\nT-286\/25<\/a> <br>\n&nbsp;<\/font><\/p>\n<p><font face=\"Verdana\" size=\"2\">EXHORTO Ministerio de Relaciones Exteriores \n<a href=\"https:\/\/www.dmsjuridica.com\/JURISPRUDENCIA\/CORTE_CONSTITUCIONAL\/docs\/2025\/T-042A-25.html\">\nT-042A\/25<\/a> <br>\n&nbsp;<\/font><\/p>\n<p><font face=\"Verdana\" size=\"2\">EXHORTO Ministerio de Relaciones Exteriores y Unidad Administrativa Especial \nMigraci\u00f3n Colombia &#8211; <a href=\"https:\/\/www.dmsjuridica.com\/JURISPRUDENCIA\/CORTE_CONSTITUCIONAL\/docs\/2025\/T-159-25.html\">\nT-159\/25<\/a> <br>\n&nbsp;<\/font><\/p>\n<p><font face=\"Verdana\" size=\"2\">EXHORTO Superintendencia Nacional de Salud&nbsp;\n<a href=\"https:\/\/www.dmsjuridica.com\/JURISPRUDENCIA\/CORTE_CONSTITUCIONAL\/docs\/2025\/T-131-25.html\">\nT-131\/25<\/a> <br>\n&nbsp;<\/font><\/p>\n<p><font face=\"Verdana\" size=\"2\">FLEXIBILIZACION DE LOS ESTANDARES PROBATORIOS EN MATERIA DE VIOLACIONES \nGRAVES A LOS DERECHOS HUMANOS Jurisprudencia constitucional \n<a href=\"https:\/\/www.dmsjuridica.com\/JURISPRUDENCIA\/CORTE_CONSTITUCIONAL\/docs\/2025\/T-004-25.html\">\nT-004\/25<\/a> <br>\n&nbsp;<\/font><\/p>\n<p><font face=\"Verdana\" size=\"2\">FUERO DE SALUD Aplica para trabajadores en condiciones de debilidad \nmanifiesta <a href=\"https:\/\/www.dmsjuridica.com\/JURISPRUDENCIA\/CORTE_CONSTITUCIONAL\/docs\/2025\/SU111-25.html\">\nSU.111\/25<\/a> <br>\n&nbsp;<\/font><\/p>\n<p><font face=\"Verdana\" size=\"2\">HOMBRES TRANS Y PERSONAS NO BINARIAS Protecci\u00f3n y reconocimiento de derechos \nderivados de la lactancia <a href=\"https:\/\/www.dmsjuridica.com\/JURISPRUDENCIA\/CORTE_CONSTITUCIONAL\/docs\/2025\/C-071-25.html\">\nC-071\/25<\/a> <br>\n&nbsp;<\/font><\/p>\n<p><font face=\"Verdana\" size=\"2\">IMPUESTO A LA IMPORTACI\u00d3N DE PRODUCTOS PL\u00c1STICOS DE UN SOLO USO PARA \u201cCONSUMO \nPROPIO\u201d Desconoce los principios de igualdad y equidad tributaria, as\u00ed como la \nlibre competencia <a href=\"https:\/\/www.dmsjuridica.com\/JURISPRUDENCIA\/CORTE_CONSTITUCIONAL\/docs\/2025\/C-099-25.html\">\nC-099\/25<\/a> <\/font><\/p>\n<p><font face=\"Verdana\" size=\"2\">IMPUESTO A LAS EXPORTACIONES DE PRODUCTOS PL\u00c1STICOS DE UN SOLO USO UTILIZADOS \nPARA ENVASAR, EMBALAR O EMPACAR BIENES No desconoce principios de igualdad, \nequidad y justicia tributaria, as\u00ed como la libre competencia \n<a href=\"https:\/\/www.dmsjuridica.com\/JURISPRUDENCIA\/CORTE_CONSTITUCIONAL\/docs\/2025\/C-099-25.html\">\nC-099\/25<\/a> <br>\n&nbsp;<\/font><\/p>\n<p><font face=\"Verdana\" size=\"2\">IMPUESTOS PIGOUVIANOS L\u00edmite al ejercicio de las libertades econ\u00f3micas \n<a href=\"https:\/\/www.dmsjuridica.com\/JURISPRUDENCIA\/CORTE_CONSTITUCIONAL\/docs\/2025\/C-099-25.html\">\nC-099\/25<\/a> <br>\n&nbsp;<\/font><\/p>\n<p><font face=\"Verdana\" size=\"2\">INFRAESTRUCTURA DE TRANSPORTE Deberes de construcci\u00f3n y conservaci\u00f3n hacen \nparte de la funci\u00f3n p\u00fablica <a href=\"https:\/\/www.dmsjuridica.com\/JURISPRUDENCIA\/CORTE_CONSTITUCIONAL\/docs\/2025\/T-120-25.html\">\nT-120\/25<\/a> <br>\n&nbsp;<\/font><\/p>\n<p><font face=\"Verdana\" size=\"2\">INFRAESTRUCTURA DE TRANSPORTE Naturaleza y elementos \n<a href=\"https:\/\/www.dmsjuridica.com\/JURISPRUDENCIA\/CORTE_CONSTITUCIONAL\/docs\/2025\/T-120-25.html\">\nT-120\/25<\/a> <br>\n&nbsp;<\/font><\/p>\n<p><font face=\"Verdana\" size=\"2\">INFRAESTRUCTURA DE TRANSPORTE Relaci\u00f3n con derechos fundamentales de las \ncomunidades <a href=\"https:\/\/www.dmsjuridica.com\/JURISPRUDENCIA\/CORTE_CONSTITUCIONAL\/docs\/2025\/T-120-25.html\">\nT-120\/25<\/a> <br>\n&nbsp;<\/font><\/p>\n<p><font face=\"Verdana\" size=\"2\">INHIBICION DE LA CORTE CONSTITUCIONAL EN DEMANDA DE INCONSTITUCIONALIDAD \nCONTRA INTERPRETACI\u00d3N JUDICIAL Incumplimiento de requisitos de claridad, \ncerteza, especificidad, pertinencia y suficiencia \n<a href=\"https:\/\/www.dmsjuridica.com\/JURISPRUDENCIA\/CORTE_CONSTITUCIONAL\/docs\/2025\/C-097-25.html\">\nC-097\/25<\/a> <br>\n&nbsp;<\/font><\/p>\n<p><font face=\"Verdana\" size=\"2\">INHIBICION DE LA CORTE CONSTITUCIONAL EN OBJECIONES GUBERNAMENTALES Carece de \ncompetencia cuando se incumple requisito de que la insistencia provenga de ambas \nc\u00e1maras <a href=\"https:\/\/www.dmsjuridica.com\/JURISPRUDENCIA\/CORTE_CONSTITUCIONAL\/docs\/2025\/C-076-25.html\">\nC-076\/25<\/a> <br>\n&nbsp;<\/font><\/p>\n<p><font face=\"Verdana\" size=\"2\">INTER\u00c9S SUPERIOR DE LOS NI\u00d1OS, NI\u00d1AS Y ADOLESCENTES Implementaci\u00f3n de la \nmedida de protecci\u00f3n de hogar sustituto debe evitar la cohabitaci\u00f3n con adultos \n<a href=\"https:\/\/www.dmsjuridica.com\/JURISPRUDENCIA\/CORTE_CONSTITUCIONAL\/docs\/2025\/T-303-25.html\">\nT-303\/25<\/a> <br>\n&nbsp;<\/font><\/p>\n<p><font face=\"Verdana\" size=\"2\">INTERES SUPERIOR DEL MENOR Criterios jur\u00eddicos para determinarlo \n<a href=\"https:\/\/www.dmsjuridica.com\/JURISPRUDENCIA\/CORTE_CONSTITUCIONAL\/docs\/2025\/C-071-25.html\">\nC-071\/25<\/a> <br>\n&nbsp;<\/font><\/p>\n<p><font face=\"Verdana\" size=\"2\">INTERVENTOR DE ENTIDAD PROMOTORA DE SALUD Conflicto de intereses para \ninterponer o coadyuvar la acci\u00f3n de tutela <a href=\"https:\/\/www.dmsjuridica.com\/JURISPRUDENCIA\/CORTE_CONSTITUCIONAL\/docs\/2025\/SU277-25.html\">\nSU.277\/25<\/a> <br>\n&nbsp;<\/font><\/p>\n<p><font face=\"Verdana\" size=\"2\">INVERSION DE LA CARGA DE LA PRUEBA EN MATERIA DE DESPLAZAMIENTO FORZADO \nAplicaci\u00f3n en proceso de reparaci\u00f3n directa <a href=\"https:\/\/www.dmsjuridica.com\/JURISPRUDENCIA\/CORTE_CONSTITUCIONAL\/docs\/2025\/T-014-25.html\">\nT-014\/25<\/a> <br>\n&nbsp;<\/font><\/p>\n<p><font face=\"Verdana\" size=\"2\">J\u00d3VENES QUE ALCANZAN MAYOR\u00cdA DE EDAD BAJO CUIDADO Y PROTECCI\u00d3N DEL ICBF Deber \nde preparaci\u00f3n y acompa\u00f1amiento a los egresados del sistema de protecci\u00f3n \n<a href=\"https:\/\/www.dmsjuridica.com\/JURISPRUDENCIA\/CORTE_CONSTITUCIONAL\/docs\/2025\/T-303-25.html\">\nT-303\/25<\/a> <br>\n&nbsp;<\/font><\/p>\n<p><font face=\"Verdana\" size=\"2\">JUEZ CONSTITUCIONAL Rol transformador en su intervenci\u00f3n para la efectiva \nprotecci\u00f3n de los derechos fundamentales <a href=\"https:\/\/www.dmsjuridica.com\/JURISPRUDENCIA\/CORTE_CONSTITUCIONAL\/docs\/2025\/T-285-25.html\">\nT-285\/25<\/a> <br>\n&nbsp;<\/font><\/p>\n<p><font face=\"Verdana\" size=\"2\">LACTANCIA MATERNA EN EL ESPACIO P\u00daBLICO Y EN ENTORNOS LABORALES Incluye a \ntodas las personas en etapa de lactancia sin discriminaci\u00f3n por raz\u00f3n de \nidentidad de g\u00e9nero <a href=\"https:\/\/www.dmsjuridica.com\/JURISPRUDENCIA\/CORTE_CONSTITUCIONAL\/docs\/2025\/C-071-25.html\">\nC-071\/25<\/a> <br>\n&nbsp;<\/font><\/p>\n<p><font face=\"Verdana\" size=\"2\">LACTANCIA MATERNA Protecci\u00f3n constitucional \n<a href=\"https:\/\/www.dmsjuridica.com\/JURISPRUDENCIA\/CORTE_CONSTITUCIONAL\/docs\/2025\/C-071-25.html\">\nC-071\/25<\/a> <br>\n&nbsp;<\/font><\/p>\n<p><font face=\"Verdana\" size=\"2\">LEGITIMACION EN LA CAUSA POR ACTIVA Improcedencia de la agencia oficiosa en \ntutela a favor de personas indeterminadas <a href=\"https:\/\/www.dmsjuridica.com\/JURISPRUDENCIA\/CORTE_CONSTITUCIONAL\/docs\/2025\/SU277-25.html\">\nSU.277\/25<\/a> <br>\n&nbsp;<\/font><\/p>\n<p><font face=\"Verdana\" size=\"2\">LEGITIMACION POR ACTIVA EN TUTELA Colombianos residentes en el exterior \n<a href=\"https:\/\/www.dmsjuridica.com\/JURISPRUDENCIA\/CORTE_CONSTITUCIONAL\/docs\/2025\/T-149-25.html\">\nT-149\/25<\/a> <br>\n&nbsp;<\/font><\/p>\n<p><font face=\"Verdana\" size=\"2\">LEY ANUAL DE PRESUPUESTO Caracter\u00edsticas \n<a href=\"https:\/\/www.dmsjuridica.com\/JURISPRUDENCIA\/CORTE_CONSTITUCIONAL\/docs\/2025\/C-079-25.html\">\nC-079\/25<\/a> <br>\n&nbsp;<\/font><\/p>\n<p><font face=\"Verdana\" size=\"2\">LEY DE VICTIMAS Y RESTITUCION DE TIERRAS Situaci\u00f3n de despojo y abandono \nforzado de tierras <a href=\"https:\/\/www.dmsjuridica.com\/JURISPRUDENCIA\/CORTE_CONSTITUCIONAL\/docs\/2025\/SU088-25.html\">\nSU.088\/25<\/a> <br>\n&nbsp;<\/font><\/p>\n<p><font face=\"Verdana\" size=\"2\">LIBERTAD DE CATEDRA Vulneraci\u00f3n por instalaci\u00f3n de c\u00e1maras de videovigilancia \nen aulas de clase <a href=\"https:\/\/www.dmsjuridica.com\/JURISPRUDENCIA\/CORTE_CONSTITUCIONAL\/docs\/2025\/T-170-25.html\">\nT-170\/25<\/a> <br>\n&nbsp;<\/font><\/p>\n<p><font face=\"Verdana\" size=\"2\">LIBERTAD DE EXPRESI\u00d3N DE FUNCIONARIOS P\u00daBLICOS EN REDES SOCIALES Deber de \nmayor tolerancia a la cr\u00edtica en el perfil personal, por difundir informaci\u00f3n \nrelacionada con el ejercicio del cargo <a href=\"https:\/\/www.dmsjuridica.com\/JURISPRUDENCIA\/CORTE_CONSTITUCIONAL\/docs\/2025\/T-149-25.html\">\nT-149\/25<\/a> <br>\n&nbsp;<\/font><\/p>\n<p><font face=\"Verdana\" size=\"2\">LIBERTAD DE EXPRESI\u00d3N DE FUNCIONARIOS P\u00daBLICOS EN REDES SOCIALES \nImplicaciones del bloqueo a periodistas y medios de comunicaci\u00f3n en plataformas \nde internet <a href=\"https:\/\/www.dmsjuridica.com\/JURISPRUDENCIA\/CORTE_CONSTITUCIONAL\/docs\/2025\/T-149-25.html\">\nT-149\/25<\/a> <br>\n&nbsp;<\/font><\/p>\n<p><font face=\"Verdana\" size=\"2\">LIBERTAD DE EXPRESI\u00d3N EN REDES SOCIALES Responsabilidad de los usuarios que \nreaccionan, comparten o reenv\u00edan contenidos creados por otros \n<a href=\"https:\/\/www.dmsjuridica.com\/JURISPRUDENCIA\/CORTE_CONSTITUCIONAL\/docs\/2025\/T-149-25.html\">\nT-149\/25<\/a> <br>\n&nbsp;<\/font><\/p>\n<p><font face=\"Verdana\" size=\"2\">LIBERTAD DE EXPRESION, INFORMACION Y PRENSA Prohibici\u00f3n de incurrir en actos \nde violencia contra la mujer en pol\u00edtica (VCMP) \n<a href=\"https:\/\/www.dmsjuridica.com\/JURISPRUDENCIA\/CORTE_CONSTITUCIONAL\/docs\/2025\/T-149-25.html\">\nT-149\/25<\/a> <br>\n&nbsp;<\/font><\/p>\n<p><font face=\"Verdana\" size=\"2\">MACROTERRITORIO IND\u00cdGENA Concepto \n<a href=\"https:\/\/www.dmsjuridica.com\/JURISPRUDENCIA\/CORTE_CONSTITUCIONAL\/docs\/2025\/T-106-25.html\">\nT-106\/25<\/a> <br>\n&nbsp;<\/font><\/p>\n<p><font face=\"Verdana\" size=\"2\">MANUAL DE CONVIVENCIA Debe incluir Ruta de Atenci\u00f3n Integral y los protocolos \npara situaciones de presunto acoso escolar <a href=\"https:\/\/www.dmsjuridica.com\/JURISPRUDENCIA\/CORTE_CONSTITUCIONAL\/docs\/2025\/T-040-25.html\">\nT-040\/25<\/a>&nbsp; &#8211; \n<a href=\"https:\/\/www.dmsjuridica.com\/JURISPRUDENCIA\/CORTE_CONSTITUCIONAL\/docs\/2025\/T-082-25.html\">\nT-082\/25<\/a> <br>\n&nbsp;<\/font><\/p>\n<p><font face=\"Verdana\" size=\"2\">MATRIMONIO Y UNI\u00d3N MARITAL DE HECHO CON O ENTRE MENORES DE DIECIOCHO (18) \nA\u00d1OS Vulnera derechos de ni\u00f1as y adolescentes <a href=\"https:\/\/www.dmsjuridica.com\/JURISPRUDENCIA\/CORTE_CONSTITUCIONAL\/docs\/2025\/C-039-25.html\">\nC-039\/25<\/a> <br>\n&nbsp;<\/font><\/p>\n<p><font face=\"Verdana\" size=\"2\">MATRIMONIO Y UNI\u00d3N MARITAL DE HECHO CON O ENTRE MENORES DE DIECIOCHO (18) \nA\u00d1OS Pr\u00e1ctica nociva <a href=\"https:\/\/www.dmsjuridica.com\/JURISPRUDENCIA\/CORTE_CONSTITUCIONAL\/docs\/2025\/C-039-25.html\">\nC-039\/25<\/a> <br>\n&nbsp;<\/font><\/p>\n<p><font face=\"Verdana\" size=\"2\">MATRIMONIO Y UNI\u00d3N MARITAL DE HECHO CON O ENTRE MENORES DE DIECIOCHO (18) \nA\u00d1OS Nulidad <a href=\"https:\/\/www.dmsjuridica.com\/JURISPRUDENCIA\/CORTE_CONSTITUCIONAL\/docs\/2025\/C-039-25.html\">\nC-039\/25<\/a> <br>\n&nbsp;<\/font><\/p>\n<p><font face=\"Verdana\" size=\"2\">MATRIMONIO Y UNI\u00d3N MARITAL DE HECHO CON O ENTRE MENORES DE DIECIOCHO (18) \nA\u00d1OS Desconoce el bloque de constitucionalidad <a href=\"https:\/\/www.dmsjuridica.com\/JURISPRUDENCIA\/CORTE_CONSTITUCIONAL\/docs\/2025\/C-039-25.html\">\nC-039\/25<\/a> <br>\n&nbsp;<\/font><\/p>\n<p><font face=\"Verdana\" size=\"2\">MATRIMONIO Y UNI\u00d3N MARITAL DE HECHO CON O ENTRE MENORES DE DIECIOCHO (18) \nA\u00d1OS Desconoce el est\u00e1ndar de mayor protecci\u00f3n a los derechos de la ni\u00f1ez \n<a href=\"https:\/\/www.dmsjuridica.com\/JURISPRUDENCIA\/CORTE_CONSTITUCIONAL\/docs\/2025\/C-039-25.html\">\nC-039\/25<\/a> <br>\n&nbsp;<\/font><\/p>\n<p><font face=\"Verdana\" size=\"2\">MATRIMONIO Y UNION MARITAL DE HECHO Edad m\u00ednima \n<a href=\"https:\/\/www.dmsjuridica.com\/JURISPRUDENCIA\/CORTE_CONSTITUCIONAL\/docs\/2025\/C-039-25.html\">\nC-039\/25<\/a> <br>\n&nbsp;<\/font><\/p>\n<p><font face=\"Verdana\" size=\"2\">MEDIDA CORRECTIVA DE DECOMISO Improcedencia frente a vendedores en el espacio \np\u00fablico, cuando no se les han ofrecido alternativas reales de reubicaci\u00f3n o de \ninclusi\u00f3n laboral formal <a href=\"https:\/\/www.dmsjuridica.com\/JURISPRUDENCIA\/CORTE_CONSTITUCIONAL\/docs\/2025\/T-211-25.html\">\nT-211\/25<\/a> <br>\n&nbsp;<\/font><\/p>\n<p><font face=\"Verdana\" size=\"2\">MEDIDAS DE ATENCI\u00d3N A MUJERES V\u00cdCTIMAS DE VIOLENCIA BASADA EN EL G\u00c9NERO \nAlcance y contenido T-059\/25 &#8211; <a href=\"https:\/\/www.dmsjuridica.com\/JURISPRUDENCIA\/CORTE_CONSTITUCIONAL\/docs\/2025\/T-144-25.html\">\nT-144\/25<\/a> <br>\n&nbsp;<\/font><\/p>\n<p><font face=\"Verdana\" size=\"2\">MEDIDAS DE PROTECCI\u00d3N AMBIENTAL EN TERRITORIOS COLECTIVOS Marco normativo \npara la conservaci\u00f3n y el aprovechamiento sostenible de los recursos naturales \n<a href=\"https:\/\/www.dmsjuridica.com\/JURISPRUDENCIA\/CORTE_CONSTITUCIONAL\/docs\/2025\/T-105-25.html\">\nT-105\/25<\/a> <br>\n&nbsp;<\/font><\/p>\n<p><font face=\"Verdana\" size=\"2\">MEDIDAS DE PROTECCION POR VIOLENCIA INTRAFAMILIAR Deber de las comisar\u00edas de \nfamilia de valorar el riesgo de feminicidio <a href=\"https:\/\/www.dmsjuridica.com\/JURISPRUDENCIA\/CORTE_CONSTITUCIONAL\/docs\/2025\/T-144-25.html\">\nT-144\/25<\/a> <br>\n&nbsp;<\/font><\/p>\n<p><font face=\"Verdana\" size=\"2\">MEDIDAS DE PROTECCI\u00d3N POR VIOLENCIA INTRAFAMILIAR Imposici\u00f3n de sanciones \nante su incumplimiento <a href=\"https:\/\/www.dmsjuridica.com\/JURISPRUDENCIA\/CORTE_CONSTITUCIONAL\/docs\/2025\/T-232-25.html\">\nT-232\/25<\/a> <br>\n&nbsp;<\/font><\/p>\n<p><font face=\"Verdana\" size=\"2\">MEDIDAS PROVISIONALES DICTADAS POR EL COMIT\u00c9 DE DERECHOS HUMANOS Naturaleza \njur\u00eddica <a href=\"https:\/\/www.dmsjuridica.com\/JURISPRUDENCIA\/CORTE_CONSTITUCIONAL\/docs\/2025\/T-017-25.html\">\nT-017\/25<\/a> <br>\n&nbsp;<\/font><\/p>\n<p><font face=\"Verdana\" size=\"2\">MESADAS PENSIONALES RECONOCIDAS BAJO LA MODALIDAD DE RETIRO PROGRAMADO \nObligaciones de las administradoras de los fondos de pensiones \n<a href=\"https:\/\/www.dmsjuridica.com\/JURISPRUDENCIA\/CORTE_CONSTITUCIONAL\/docs\/2025\/T-212-25.html\">\nT-212\/25<\/a> <br>\n&nbsp;<\/font><\/p>\n<p><font face=\"Verdana\" size=\"2\">MIGRACI\u00d3N EN TR\u00c1NSITO Caracter\u00edsticas \n<a href=\"https:\/\/www.dmsjuridica.com\/JURISPRUDENCIA\/CORTE_CONSTITUCIONAL\/docs\/2025\/T-060-25.html\">\nT-060\/25<\/a> <br>\n&nbsp;<\/font><\/p>\n<p><font face=\"Verdana\" size=\"2\">MIGRACI\u00d3N EN TR\u00c1NSITO Concepto \n<a href=\"https:\/\/www.dmsjuridica.com\/JURISPRUDENCIA\/CORTE_CONSTITUCIONAL\/docs\/2025\/T-060-25.html\">\nT-060\/25<\/a> <br>\n&nbsp;<\/font><\/p>\n<p><font face=\"Verdana\" size=\"2\">MUJERES IND\u00cdGENAS Especial protecci\u00f3n constitucional \n<a href=\"https:\/\/www.dmsjuridica.com\/JURISPRUDENCIA\/CORTE_CONSTITUCIONAL\/docs\/2025\/T-149-25.html\">\nT-149\/25<\/a> <br>\n&nbsp;<\/font><\/p>\n<p><font face=\"Verdana\" size=\"2\">MUNICIPIO NO CERTIFICADO Provisi\u00f3n de cargos del Sistema Especial de Carrera \nDocente <a href=\"https:\/\/www.dmsjuridica.com\/JURISPRUDENCIA\/CORTE_CONSTITUCIONAL\/docs\/2025\/T-002-25.html\">\nT-002\/25<\/a> <br>\n&nbsp;<\/font><\/p>\n<p><font face=\"Verdana\" size=\"2\">NACIONALIDAD COLOMBIANA POR NACIMIENTO Garant\u00eda que elimina el riesgo de \napatridia de los ni\u00f1os y ni\u00f1as nacidos en territorio colombiano \n<a href=\"https:\/\/www.dmsjuridica.com\/JURISPRUDENCIA\/CORTE_CONSTITUCIONAL\/docs\/2025\/T-156-25.html\">\nT-156\/25<\/a> <br>\n&nbsp;<\/font><\/p>\n<p><font face=\"Verdana\" size=\"2\">NI\u00d1OS, NI\u00d1AS Y ADOLESCENTES IND\u00cdGENAS Deberes espec\u00edficos de protecci\u00f3n del \nEstado <a href=\"https:\/\/www.dmsjuridica.com\/JURISPRUDENCIA\/CORTE_CONSTITUCIONAL\/docs\/2025\/T-082-25.html\">\nT-082\/25<\/a> <br>\n&nbsp;<\/font><\/p>\n<p><font face=\"Verdana\" size=\"2\">NI\u00d1OS, NI\u00d1AS Y ADOLESCENTES IND\u00cdGENAS Sujetos de especial protecci\u00f3n \nconstitucional <a href=\"https:\/\/www.dmsjuridica.com\/JURISPRUDENCIA\/CORTE_CONSTITUCIONAL\/docs\/2025\/T-082-25.html\">\nT-082\/25<\/a>&nbsp; &#8211; \n<a href=\"https:\/\/www.dmsjuridica.com\/JURISPRUDENCIA\/CORTE_CONSTITUCIONAL\/docs\/2025\/T-193-25.html\">\nT-193\/25<\/a> <br>\n&nbsp;<\/font><\/p>\n<p><font face=\"Verdana\" size=\"2\">OBJECION DE CONCIENCIA Alcance en el \u00e1mbito laboral \n<a href=\"https:\/\/www.dmsjuridica.com\/JURISPRUDENCIA\/CORTE_CONSTITUCIONAL\/docs\/2025\/T-073-25.html\">\nT-073\/25<\/a><br>\n&nbsp;<\/font><\/p>\n<p><font face=\"Verdana\" size=\"2\">OBJECIONES GUBERNAMENTALES Alcance del requisito de congruencia \n<a href=\"https:\/\/www.dmsjuridica.com\/JURISPRUDENCIA\/CORTE_CONSTITUCIONAL\/docs\/2025\/C-076-25.html\">\nC-076\/25<\/a> <br>\n&nbsp;<\/font><\/p>\n<p><font face=\"Verdana\" size=\"2\">OBJECIONES GUBERNAMENTALES Insistencia debe provenir de ambas C\u00e1maras&nbsp;\n<a href=\"https:\/\/www.dmsjuridica.com\/JURISPRUDENCIA\/CORTE_CONSTITUCIONAL\/docs\/2025\/C-076-25.html\">\nC-076\/25<\/a> <br>\n&nbsp;<\/font><\/p>\n<p><font face=\"Verdana\" size=\"2\">OMISI\u00d3N LEGISLATIVA RELATIVA Alcance frente a casos que implican la \nampliaci\u00f3n de obligaciones o restricciones de derechos \n<a href=\"https:\/\/www.dmsjuridica.com\/JURISPRUDENCIA\/CORTE_CONSTITUCIONAL\/docs\/2025\/C-052-25.html\">\nC-052\/25<\/a> <br>\n&nbsp;<\/font><\/p>\n<p><font face=\"Verdana\" size=\"2\">OMISI\u00d3N LEGISLATIVA RELATIVA Configuraci\u00f3n en norma que excluye de la \ninhabilidad para recibir herencia o legado a los parientes civiles del \neclesi\u00e1stico que haya confesado al testador <a href=\"https:\/\/www.dmsjuridica.com\/JURISPRUDENCIA\/CORTE_CONSTITUCIONAL\/docs\/2025\/C-052-25.html\">\nC-052\/25<\/a> <br>\n&nbsp;<\/font><\/p>\n<p><font face=\"Verdana\" size=\"2\">OMISI\u00d3N LEGISLATIVA RELATIVA Configuraci\u00f3n en normas que generan un trato \ndesigual injustificado entre parientes consangu\u00edneos y civiles \n<a href=\"https:\/\/www.dmsjuridica.com\/JURISPRUDENCIA\/CORTE_CONSTITUCIONAL\/docs\/2025\/C-052-25.html\">\nC-052\/25<\/a> <br>\n&nbsp;<\/font><\/p>\n<p><font face=\"Verdana\" size=\"2\">ORGANIZACION ELECTORAL Naturaleza y funciones \n&#8211; <a href=\"https:\/\/www.dmsjuridica.com\/JURISPRUDENCIA\/CORTE_CONSTITUCIONAL\/docs\/2025\/T-141-25.html\">\nT-141\/25<\/a> <br>\n&nbsp;<\/font><\/p>\n<p><font face=\"Verdana\" size=\"2\">PASAPORTE Importancia \n<a href=\"https:\/\/www.dmsjuridica.com\/JURISPRUDENCIA\/CORTE_CONSTITUCIONAL\/docs\/2025\/T-156-25.html\">\nT-156\/25<\/a> <br>\n&nbsp;<\/font><\/p>\n<p><font face=\"Verdana\" size=\"2\">PAUSAS ACTIVAS EN LA RELACI\u00d3N LABORAL Obligaci\u00f3n del empleador con apoyo de \nlas Administradoras de Riesgos Profesionales <a href=\"https:\/\/www.dmsjuridica.com\/JURISPRUDENCIA\/CORTE_CONSTITUCIONAL\/docs\/2025\/T-073-25.html\">\nT-073\/25<\/a> <br>\n&nbsp;<\/font><\/p>\n<p><font face=\"Verdana\" size=\"2\">PENSI\u00d3N DE SOBREVIVIENTES PARA HIJOS MENORES DE DIECIOCHO A\u00d1OS Reglas \njurisprudenciales <a href=\"https:\/\/www.dmsjuridica.com\/JURISPRUDENCIA\/CORTE_CONSTITUCIONAL\/docs\/2025\/T-295-25.html\">\nT-295\/25<\/a> <br>\n&nbsp;<\/font><\/p>\n<p><font face=\"Verdana\" size=\"2\">PEREGRINAJE INSTITUCIONAL Revictimizaci\u00f3n de las mujeres v\u00edctimas de \nviolencias basadas en g\u00e9nero <a href=\"https:\/\/www.dmsjuridica.com\/JURISPRUDENCIA\/CORTE_CONSTITUCIONAL\/docs\/2025\/T-059-25.html\">\nT-059\/25<\/a>&nbsp; &#8211; \n<a href=\"https:\/\/www.dmsjuridica.com\/JURISPRUDENCIA\/CORTE_CONSTITUCIONAL\/docs\/2025\/T-235-25.html\">\nT-235\/25<\/a> <br>\n&nbsp;<\/font><\/p>\n<p><font face=\"Verdana\" size=\"2\">PERIODISMO CIUDADANO Importancia y protecci\u00f3n constitucional \n<a href=\"https:\/\/www.dmsjuridica.com\/JURISPRUDENCIA\/CORTE_CONSTITUCIONAL\/docs\/2025\/T-230-25.html\">\nT-230\/25<\/a> <br>\n&nbsp;<\/font><\/p>\n<p><font face=\"Verdana\" size=\"2\">PERMISO REMUNERADO Alcance \n<a href=\"https:\/\/www.dmsjuridica.com\/JURISPRUDENCIA\/CORTE_CONSTITUCIONAL\/docs\/2025\/C-207-25.html\">\nC-207\/25<\/a> <br>\n&nbsp;<\/font><\/p>\n<p><font face=\"Verdana\" size=\"2\">PERSONAS CON DISCAPACIDAD VISUAL Protecci\u00f3n constitucional \n<a href=\"https:\/\/www.dmsjuridica.com\/JURISPRUDENCIA\/CORTE_CONSTITUCIONAL\/docs\/2025\/T-006-25.html\">\nT-006\/25<\/a>&nbsp; &#8211; \nT-349\/24 <br>\n&nbsp;<\/font><\/p>\n<p><font face=\"Verdana\" size=\"2\">PERSONAS EN SITUACI\u00d3N DE CALLE Sujetos de especial protecci\u00f3n constitucional \n<a href=\"https:\/\/www.dmsjuridica.com\/JURISPRUDENCIA\/CORTE_CONSTITUCIONAL\/docs\/2025\/T-152-25.html\">\nT-152\/25<\/a>&nbsp; &#8211;\n<a href=\"https:\/\/www.dmsjuridica.com\/JURISPRUDENCIA\/CORTE_CONSTITUCIONAL\/docs\/2025\/T-293-25.html\">\nT-293\/25<\/a> <br>\n&nbsp;<\/font><\/p>\n<p><font face=\"Verdana\" size=\"2\">PERSONAS EN SITUACI\u00d3N DE CALLE Sujetos de especial protecci\u00f3n constitucional \n<a href=\"https:\/\/www.dmsjuridica.com\/JURISPRUDENCIA\/CORTE_CONSTITUCIONAL\/docs\/2025\/T-030-25.html\">\nT-030\/25<\/a> <br>\n&nbsp;<\/font><\/p>\n<p><font face=\"Verdana\" size=\"2\">PLANTA DE PERSONAL DE LA CONTRALOR\u00cdA GENERAL DE LA REP\u00daBLICA Clasificaci\u00f3n de \ncargo como de libre nombramiento y remoci\u00f3n no desconoce regla general de la \ncarrera administrativa <a href=\"https:\/\/www.dmsjuridica.com\/JURISPRUDENCIA\/CORTE_CONSTITUCIONAL\/docs\/2025\/C-069-25.html\">\nC-069\/25<\/a> <br>\n&nbsp;<\/font><\/p>\n<p><font face=\"Verdana\" size=\"2\">PODER DISCIPLINARIO DE LA PROCURADUR\u00cdA GENERAL DE LA NACI\u00d3N PARA SANCIONAR \nCON SUSPENSI\u00d3N, DESTITUCI\u00d3N O INHABILIDAD A SERVIDORES P\u00daBLICOS DE ELECCI\u00d3N \n<\/font> <\/p>\n<p><font face=\"Verdana\" size=\"2\">POPULAR Jurisprudencia del Consejo de Estado&nbsp;\n<a href=\"https:\/\/www.dmsjuridica.com\/JURISPRUDENCIA\/CORTE_CONSTITUCIONAL\/docs\/2025\/SU070-25.html\">\nSU.070\/25<\/a> <br>\n&nbsp;<\/font><\/p>\n<p><font face=\"Verdana\" size=\"2\">POTESTAD DISCIPLINARIA DE LA PROCURADUR\u00cdA GENERAL DE LA NACI\u00d3N PARA SANCIONAR \nCON SUSPENSI\u00d3N, DESTITUCI\u00d3N O INHABILIDAD A SERVIDORES P\u00daBLICOS DE <\/font> <\/p>\n<p><font face=\"Verdana\" size=\"2\">PRECEDENTE JUDICIAL Finalidad&nbsp;\n<a href=\"https:\/\/www.dmsjuridica.com\/JURISPRUDENCIA\/CORTE_CONSTITUCIONAL\/docs\/2025\/SU111-25.html\">\nSU.111\/25<\/a> <br>\n&nbsp;<\/font><\/p>\n<p><font face=\"Verdana\" size=\"2\">PRESTACI\u00d3N DEL SERVICIO DE SALUD A TRAV\u00c9S DEL FONDO PASIVO SOCIAL DE \nFERROCARRILES NACIONALES Obligaci\u00f3n de reconocer los mismos insumos, servicios y \ntecnolog\u00edas del Plan de Beneficios en Salud <a href=\"https:\/\/www.dmsjuridica.com\/JURISPRUDENCIA\/CORTE_CONSTITUCIONAL\/docs\/2025\/T-306-25.html\">\nT-306\/25<\/a> <br>\n&nbsp;<\/font><\/p>\n<p><font face=\"Verdana\" size=\"2\">PRESUPUESTOS M\u00c1XIMOS Cobertura \n<a href=\"https:\/\/www.dmsjuridica.com\/JURISPRUDENCIA\/CORTE_CONSTITUCIONAL\/docs\/2025\/SU277-25.html\">\nSU.277\/25<\/a> <br>\n&nbsp;<\/font><\/p>\n<p><font face=\"Verdana\" size=\"2\">PRESUPUESTOS M\u00c1XIMOS Concepto \n<a href=\"https:\/\/www.dmsjuridica.com\/JURISPRUDENCIA\/CORTE_CONSTITUCIONAL\/docs\/2025\/SU277-25.html\">\nSU.277\/25<\/a> <br>\n&nbsp;<\/font><\/p>\n<p><font face=\"Verdana\" size=\"2\">PRINCIPIO DE AUTONOMIA TERRITORIAL EN EL CONTEXTO DE UN ESTADO UNITARIO \nReiteraci\u00f3n de jurisprudencia <a href=\"https:\/\/www.dmsjuridica.com\/JURISPRUDENCIA\/CORTE_CONSTITUCIONAL\/docs\/2025\/C-086-25.html\">\nC-086\/25<\/a> <br>\n&nbsp;<\/font><\/p>\n<p><font face=\"Verdana\" size=\"2\">PRINCIPIO DE CONFIANZA LEG\u00cdTIMA EN MATERIA DE EDUCACI\u00d3N Reiteraci\u00f3n \njurisprudencial <a href=\"https:\/\/www.dmsjuridica.com\/JURISPRUDENCIA\/CORTE_CONSTITUCIONAL\/docs\/2025\/T-150-25.html\">\nT-150\/25<\/a> <br>\n&nbsp;<\/font><\/p>\n<p><font face=\"Verdana\" size=\"2\">PRINCIPIO DE ESTRICTA LEGALIDAD O TAXATIVIDAD PENAL No se vulnera por cuanto \nnorma de remisi\u00f3n del tipo penal en blanco cumple requisitos \n<a href=\"https:\/\/www.dmsjuridica.com\/JURISPRUDENCIA\/CORTE_CONSTITUCIONAL\/docs\/2025\/C-080-25.html\">\nC-080\/25<\/a> <br>\n&nbsp;<\/font><\/p>\n<p><font face=\"Verdana\" size=\"2\">PRINCIPIO DE SEPARACION DE PODERES Se vulnera al disponer que algunos \ncontenidos humanitarios de los acuerdos de paz y protocolos ingresan al \nordenamiento jur\u00eddico de forma autom\u00e1tica <a href=\"https:\/\/www.dmsjuridica.com\/JURISPRUDENCIA\/CORTE_CONSTITUCIONAL\/docs\/2025\/C-036-25.html\">\nC-036\/25<\/a> <br>\n&nbsp;<\/font><\/p>\n<p><font face=\"Verdana\" size=\"2\">PRINCIPIO DE SUBSIDIARIEDAD DE LA ACCI\u00d3N DE TUTELA CONTRA ACTO ADMINISTRATIVO \nIneficacia de los medios de control de la jurisdicci\u00f3n contenciosa \nadministrativa <a href=\"https:\/\/www.dmsjuridica.com\/JURISPRUDENCIA\/CORTE_CONSTITUCIONAL\/docs\/2025\/SU277-25.html\">\nSU.277\/25<\/a> <br>\n&nbsp;<\/font><\/p>\n<p><font face=\"Verdana\" size=\"2\">PRINCIPIO DE SUPREMACIA CONSTITUCIONAL Se vulnera al disponer que algunos \ncontenidos humanitarios de los acuerdos de paz y protocolos hacen parte del DIH\n<a href=\"https:\/\/www.dmsjuridica.com\/JURISPRUDENCIA\/CORTE_CONSTITUCIONAL\/docs\/2025\/C-036-25.html\">\nC-036\/25<\/a> <br>\n&nbsp;<\/font><\/p>\n<p><font face=\"Verdana\" size=\"2\">PRINCIPIO DE TOMA DE CONCIENCIA Cultura de inclusi\u00f3n con las personas en \nsituaci\u00f3n de discapacidad <a href=\"https:\/\/www.dmsjuridica.com\/JURISPRUDENCIA\/CORTE_CONSTITUCIONAL\/docs\/2025\/T-006-25.html\">\nT-006\/25<\/a> <br>\n&nbsp;<\/font><\/p>\n<p><font face=\"Verdana\" size=\"2\">PRINCIPIO DE UNIDAD DE MATERIA EN LEY ANUAL DE PRESUPUESTO Vulneraci\u00f3n por \nnorma que denomina como servicio p\u00fablico esencial el registro de la propiedad \ninmueble en procesos catastrales <a href=\"https:\/\/www.dmsjuridica.com\/JURISPRUDENCIA\/CORTE_CONSTITUCIONAL\/docs\/2025\/C-079-25.html\">\nC-079\/25<\/a> <br>\n&nbsp;<\/font><\/p>\n<p><font face=\"Verdana\" size=\"2\">PRINCIPIO DE UNIDAD DE MATERIA EN LEY DEL PLAN NACIONAL DE DESARROLLO \nVulneraci\u00f3n porque norma no tiene relaci\u00f3n de conexidad directa e inmediata con \nobjetivos del Plan Nacional de Desarrollo ni con el plan plurianual de \ninversiones <a href=\"https:\/\/www.dmsjuridica.com\/JURISPRUDENCIA\/CORTE_CONSTITUCIONAL\/docs\/2025\/C-119-25.html\">\nC-119\/25<\/a> <br>\n&nbsp;<\/font><\/p>\n<p><font face=\"Verdana\" size=\"2\">PRINCIPIO DE UNIDAD DE MATERIA EN LEY DEL PLAN NACIONAL DE DESARROLLO \nVulneraci\u00f3n por norma que autoriza a las sociedades por acciones simplificadas \n(SAS) negociar sus valores en el mercado de valores \n<a href=\"https:\/\/www.dmsjuridica.com\/JURISPRUDENCIA\/CORTE_CONSTITUCIONAL\/docs\/2025\/C-038-25.html\">\nC-038\/25<\/a> <br>\n&nbsp;<\/font><\/p>\n<p><font face=\"Verdana\" size=\"2\">PRINCIPIO DEMOCR\u00c1TICO PARTICIPATIVO Contenido \n<a href=\"https:\/\/www.dmsjuridica.com\/JURISPRUDENCIA\/CORTE_CONSTITUCIONAL\/docs\/2025\/SU175-25.html\">\nSU.175\/25<\/a> <br>\n&nbsp;<\/font><\/p>\n<p><font face=\"Verdana\" size=\"2\">PRINCIPIO DEMOCRATICO Pauta de interpretaci\u00f3n y aplicaci\u00f3n de disposiciones \njur\u00eddicas <a href=\"https:\/\/www.dmsjuridica.com\/JURISPRUDENCIA\/CORTE_CONSTITUCIONAL\/docs\/2025\/SU175-25.html\">\nSU.175\/25<\/a> <br>\n&nbsp;<\/font><\/p>\n<p><font face=\"Verdana\" size=\"2\">PRINCIPIO DEMOCRATICO REPRESENTATIVO Alcance \n<a href=\"https:\/\/www.dmsjuridica.com\/JURISPRUDENCIA\/CORTE_CONSTITUCIONAL\/docs\/2025\/SU175-25.html\">\nSU.175\/25<\/a><br>\n&nbsp;<\/font><\/p>\n<p><font face=\"Verdana\" size=\"2\">PRINCIPIO PRO V\u00cdCTIMA Alcance y contenido \n<a href=\"https:\/\/www.dmsjuridica.com\/JURISPRUDENCIA\/CORTE_CONSTITUCIONAL\/docs\/2025\/SU088-25.html\">\nSU.088\/25<\/a>&nbsp; &#8211; \n<a href=\"https:\/\/www.dmsjuridica.com\/JURISPRUDENCIA\/CORTE_CONSTITUCIONAL\/docs\/2025\/T-202-25.html\">\nT-202\/25<\/a> <br>\n&nbsp;<\/font><\/p>\n<p><font face=\"Verdana\" size=\"2\">PRINCIPIOS DE BUENA FE, RAZONABILIDAD Y PROPORCIONALIDAD EN PROCESOS DE \nSELECCION LABORAL Reiteraci\u00f3n jurisprudencial <a href=\"https:\/\/www.dmsjuridica.com\/JURISPRUDENCIA\/CORTE_CONSTITUCIONAL\/docs\/2025\/T-165-25.html\">\nT-165\/25<\/a> <br>\n&nbsp;<\/font><\/p>\n<p><font face=\"Verdana\" size=\"2\">PRINCIPIOS DE CONSECUTIVIDAD E IDENTIDAD FLEXIBLE EN PLAN NACIONAL DE \nDESARROLLO Vulneraci\u00f3n porque tem\u00e1tica no fue aprobada en primer debate conjunto \nde las comisiones tercera y cuarta de ambas c\u00e1maras legislativas \n<a href=\"https:\/\/www.dmsjuridica.com\/JURISPRUDENCIA\/CORTE_CONSTITUCIONAL\/docs\/2025\/C-119-25.html\">\nC-119\/25<\/a> <br>\n&nbsp;<\/font><\/p>\n<p><font face=\"Verdana\" size=\"2\">PROCESO ADMINISTRATIVO DE RESTABLECIMIENTO DE DERECHOS DE LOS NI\u00d1OS, NI\u00d1AS Y \nADOLESCENTES Deberes de la autoridad administrativa en la modificaci\u00f3n, \nsuspensi\u00f3n y terminaci\u00f3n de las medidas adoptadas \n<a href=\"https:\/\/www.dmsjuridica.com\/JURISPRUDENCIA\/CORTE_CONSTITUCIONAL\/docs\/2025\/T-303-25.html\">\nT-303\/25<\/a> <br>\n&nbsp;<\/font><\/p>\n<p><font face=\"Verdana\" size=\"2\">PROCESO DE INTERVENCI\u00d3N FORZOSA ADMINISTRATIVA DE ENTIDAD PROMOTORA DE SALUD \nObligaci\u00f3n de la Superintendencia Nacional de Salud de acatar las \u00f3rdenes de la \nSala Especial de Seguimiento de la Corte Constitucional \n<a href=\"https:\/\/www.dmsjuridica.com\/JURISPRUDENCIA\/CORTE_CONSTITUCIONAL\/docs\/2025\/SU277-25.html\">\nSU.277\/25<\/a> <br>\n&nbsp;<\/font><\/p>\n<p><font face=\"Verdana\" size=\"2\">PROCESO DE INTERVENCI\u00d3N FORZOSA ADMINISTRATIVA DE ENTIDAD PROMOTORA DE SALUD \nMarco normativo <a href=\"https:\/\/www.dmsjuridica.com\/JURISPRUDENCIA\/CORTE_CONSTITUCIONAL\/docs\/2025\/SU277-25.html\">\nSU.277\/25<\/a> <br>\n&nbsp;<\/font><\/p>\n<p><font face=\"Verdana\" size=\"2\">PROCESO DE INTERVENCI\u00d3N FORZOSA ADMINISTRATIVA Finalidad de liquidaci\u00f3n o \nadministraci\u00f3n <a href=\"https:\/\/www.dmsjuridica.com\/JURISPRUDENCIA\/CORTE_CONSTITUCIONAL\/docs\/2025\/SU277-25.html\">\nSU.277\/25<\/a> <br>\n&nbsp;<\/font><\/p>\n<p><font face=\"Verdana\" size=\"2\">PROCESO DE INTERVENCI\u00d3N FORZOSA ADMINISTRATIVA Impacto en el desempe\u00f1o de la \nEntidad Promotora de Salud, por la actuaci\u00f3n de la Superintendencia Nacional de \nSalud <a href=\"https:\/\/www.dmsjuridica.com\/JURISPRUDENCIA\/CORTE_CONSTITUCIONAL\/docs\/2025\/SU277-25.html\">\nSU.277\/25<\/a> <br>\n&nbsp;<\/font><\/p>\n<p><font face=\"Verdana\" size=\"2\">PROCESO DE RESTITUCI\u00d3N DE DERECHOS TERRITORIALES Alcance, contenido y \nprocedimiento con enfoque diferencial para comunidades ind\u00edgenas \n<a href=\"https:\/\/www.dmsjuridica.com\/JURISPRUDENCIA\/CORTE_CONSTITUCIONAL\/docs\/2025\/T-050-25.html\">\nT-050\/25<\/a> <br>\n&nbsp;<\/font><\/p>\n<p><font face=\"Verdana\" size=\"2\">PROCESO DISCIPLINARIO DE LOS ABOGADOS Terminaci\u00f3n anticipada por \ncircunstancia plenamente demostrada <a href=\"https:\/\/www.dmsjuridica.com\/JURISPRUDENCIA\/CORTE_CONSTITUCIONAL\/docs\/2025\/T-013-25.html\">\nT-013\/25<\/a> <br>\n&nbsp;<\/font><\/p>\n<p><font face=\"Verdana\" size=\"2\">PROCESO POR VIOLENCIA INTRAFAMILIAR Adopci\u00f3n de medidas de estabilizaci\u00f3n \npara las v\u00edctimas en las comisar\u00edas de familia <a href=\"https:\/\/www.dmsjuridica.com\/JURISPRUDENCIA\/CORTE_CONSTITUCIONAL\/docs\/2025\/T-059-25.html\">\nT-059\/25<\/a> <br>\n&nbsp;<\/font><\/p>\n<p><font face=\"Verdana\" size=\"2\">PRODUCTOS PL\u00c1STICOS DE UN SOLO USO Contexto nacional e internacional \n<a href=\"https:\/\/www.dmsjuridica.com\/JURISPRUDENCIA\/CORTE_CONSTITUCIONAL\/docs\/2025\/C-099-25.html\">\nC-099\/25<\/a> <br>\n&nbsp;<\/font><\/p>\n<p><font face=\"Verdana\" size=\"2\">PRODUCTOS PL\u00c1STICOS DE UN SOLO USO Producci\u00f3n, consumo y desecho generan \nexternalidades ambientales negativas <a href=\"https:\/\/www.dmsjuridica.com\/JURISPRUDENCIA\/CORTE_CONSTITUCIONAL\/docs\/2025\/C-099-25.html\">\nC-099\/25<\/a> <br>\n&nbsp;<\/font><\/p>\n<p><font face=\"Verdana\" size=\"2\">PROGRAMA DE DESARROLLO INFANTIL EN MEDIO FAMILIAR (DIMF) Caracter\u00edsticas en \nla atenci\u00f3n a la primera infancia <a href=\"https:\/\/www.dmsjuridica.com\/JURISPRUDENCIA\/CORTE_CONSTITUCIONAL\/docs\/2025\/T-058-25.html\">\nT-058\/25<\/a> <br>\n&nbsp;<\/font><\/p>\n<p><font face=\"Verdana\" size=\"2\">PROGRAMA DE PREVENCI\u00d3N Y PROTECCI\u00d3N DE LOS DERECHOS A LA VIDA, LIBERTAD, \nINTEGRIDAD Y SEGURIDAD DE PERSONAS, GRUPOS Y COMUNIDADES Alcance y contenido \n<a href=\"https:\/\/www.dmsjuridica.com\/JURISPRUDENCIA\/CORTE_CONSTITUCIONAL\/docs\/2025\/T-091-25.html\">\nT-091\/25<\/a> &#8211;\n<a href=\"https:\/\/www.dmsjuridica.com\/JURISPRUDENCIA\/CORTE_CONSTITUCIONAL\/docs\/2025\/T-258-25.html\">\nT-258\/25<\/a> <br>\n&nbsp;<\/font><\/p>\n<p><font face=\"Verdana\" size=\"2\">PROGRAMA DE SUBSIDIOS PENSIONALES OTORGADOS CON RECURSOS DEL FONDO DE \nSOLIDARIDAD PENSIONAL Deber de dise\u00f1ar el plan anual de extensi\u00f3n de cobertura \n<a href=\"https:\/\/www.dmsjuridica.com\/JURISPRUDENCIA\/CORTE_CONSTITUCIONAL\/docs\/2025\/T-294-25.html\">\nT-294\/25<\/a> <br>\n&nbsp;<\/font><\/p>\n<p><font face=\"Verdana\" size=\"2\">PROGRAMA HOGARES COMUNITARIOS DE BIENESTAR Procedimiento para la apertura y \nreapertura de unidades de servicio <a href=\"https:\/\/www.dmsjuridica.com\/JURISPRUDENCIA\/CORTE_CONSTITUCIONAL\/docs\/2025\/T-058-25.html\">\nT-058\/25<\/a> <br>\n&nbsp;<\/font><\/p>\n<p><font face=\"Verdana\" size=\"2\">PROHIBICI\u00d3N DE DISCRIMINACI\u00d3N CONTRA MUJERES, ADOLESCENTES Y NI\u00d1AS IND\u00cdGENAS \nProtecci\u00f3n constitucional <a href=\"https:\/\/www.dmsjuridica.com\/JURISPRUDENCIA\/CORTE_CONSTITUCIONAL\/docs\/2025\/T-188-25.html\">\nT-188\/25<\/a> <br>\n&nbsp;<\/font><\/p>\n<p><font face=\"Verdana\" size=\"2\">PROHIBICION DE OTORGAR FACULTADES EXTRAORDINARIAS PARA EXPEDIR CODIGOS Reglas \n<a href=\"https:\/\/www.dmsjuridica.com\/JURISPRUDENCIA\/CORTE_CONSTITUCIONAL\/docs\/2025\/C-072-25.html\">\nC-072\/25<\/a> <br>\n&nbsp;<\/font><\/p>\n<p><font face=\"Verdana\" size=\"2\">PROHIBICION DE OTORGAR FACULTADES EXTRAORDINARIAS PARA EXPEDIR CODIGOS \nDesconocimiento al otorgarse facultad al ejecutivo para adoptar un nuevo r\u00e9gimen \nsancionatorio aduanero y de decomiso de mercanc\u00edas, as\u00ed como el procedimiento \naplicable <a href=\"https:\/\/www.dmsjuridica.com\/JURISPRUDENCIA\/CORTE_CONSTITUCIONAL\/docs\/2025\/C-072-25.html\">\nC-072\/25<\/a> <br>\n&nbsp;<\/font><\/p>\n<p><font face=\"Verdana\" size=\"2\">PROTECCION DE MUJERES EN SITUACION DE DISCAPACIDAD Esterilizaci\u00f3n forzada o \nno consentida, forma de violencia de g\u00e9nero <a href=\"https:\/\/www.dmsjuridica.com\/JURISPRUDENCIA\/CORTE_CONSTITUCIONAL\/docs\/2025\/T-199-25.html\">\nT-199\/25<\/a> <br>\n&nbsp;<\/font><\/p>\n<p><font face=\"Verdana\" size=\"2\">PROTOCOLO FACULTATIVO DE LA CONVENCI\u00d3N CONTRA LA TORTURA Y OTROS TRATOS O \nPENAS CRUELES, INHUMANOS O DEGRADANTES Creaci\u00f3n de organismo internacional para \nadoptar medidas de prevenci\u00f3n <a href=\"https:\/\/www.dmsjuridica.com\/JURISPRUDENCIA\/CORTE_CONSTITUCIONAL\/docs\/2025\/C-121-25.html\">\nC-121\/25<\/a> <br>\n&nbsp;<\/font><\/p>\n<p><font face=\"Verdana\" size=\"2\">PROTOCOLO FACULTATIVO DE LA CONVENCI\u00d3N CONTRA LA TORTURA Y OTROS TRATOS O \nPENAS CRUELES, INHUMANOS O DEGRADANTES Contenido y alcance \n<a href=\"https:\/\/www.dmsjuridica.com\/JURISPRUDENCIA\/CORTE_CONSTITUCIONAL\/docs\/2025\/C-121-25.html\">\nC-121\/25<\/a> <br>\n&nbsp;<\/font><\/p>\n<p><font face=\"Verdana\" size=\"2\">PROTOCOLO FACULTATIVO DE LA CONVENCI\u00d3N CONTRA LA TORTURA Y OTROS TRATOS O \nPENAS CRUELES, INHUMANOS O DEGRADANTES Se ajusta a la Constituci\u00f3n Pol\u00edtica \n<a href=\"https:\/\/www.dmsjuridica.com\/JURISPRUDENCIA\/CORTE_CONSTITUCIONAL\/docs\/2025\/C-121-25.html\">\nC-121\/25<\/a> <br>\n&nbsp;<\/font><\/p>\n<p><font face=\"Verdana\" size=\"2\">PRUEBA ELECTR\u00d3NICA Tiene valor probatorio y debe presumirse aut\u00e9ntica \n<a href=\"https:\/\/www.dmsjuridica.com\/JURISPRUDENCIA\/CORTE_CONSTITUCIONAL\/docs\/2025\/T-272-25.html\">\nT-272\/25<\/a> <br>\n&nbsp;<\/font><\/p>\n<p><font face=\"Verdana\" size=\"2\">PUBLICIDAD ESTATAL Concepto \n<a href=\"https:\/\/www.dmsjuridica.com\/JURISPRUDENCIA\/CORTE_CONSTITUCIONAL\/docs\/2025\/C-086-25.html\">\nC-086\/25<\/a> <br>\n&nbsp;<\/font><\/p>\n<p><font face=\"Verdana\" size=\"2\">PUBLICIDAD ESTATAL Derecho comparado \n<a href=\"https:\/\/www.dmsjuridica.com\/JURISPRUDENCIA\/CORTE_CONSTITUCIONAL\/docs\/2025\/C-086-25.html\">\nC-086\/25<\/a> <br>\n&nbsp;<\/font><\/p>\n<p><font face=\"Verdana\" size=\"2\">PUBLICIDAD ESTATAL Finalidad \n<a href=\"https:\/\/www.dmsjuridica.com\/JURISPRUDENCIA\/CORTE_CONSTITUCIONAL\/docs\/2025\/C-086-25.html\">\nC-086\/25<\/a> <br>\n&nbsp;<\/font><\/p>\n<p><font face=\"Verdana\" size=\"2\">PUBLICIDAD ESTATAL Regulaci\u00f3n \n<a href=\"https:\/\/www.dmsjuridica.com\/JURISPRUDENCIA\/CORTE_CONSTITUCIONAL\/docs\/2025\/C-086-25.html\">\nC-086\/25<\/a> <br>\n&nbsp;<\/font><\/p>\n<p><font face=\"Verdana\" size=\"2\">PUEBLOS IND\u00cdGENAS URBANOS Diversidad \u00e9tnica e identidad cultural en las \nciudades <a href=\"https:\/\/www.dmsjuridica.com\/JURISPRUDENCIA\/CORTE_CONSTITUCIONAL\/docs\/2025\/T-012-25.html\">\nT-012\/25<\/a> &#8211;\n<a href=\"https:\/\/www.dmsjuridica.com\/JURISPRUDENCIA\/CORTE_CONSTITUCIONAL\/docs\/2025\/T-189-25.html\">\nT-189\/25<\/a> <br>\n&nbsp;<\/font><\/p>\n<p><font face=\"Verdana\" size=\"2\">PUEBLOS IND\u00cdGENAS URBANOS Enfoque de diversidad y autonom\u00eda \n<a href=\"https:\/\/www.dmsjuridica.com\/JURISPRUDENCIA\/CORTE_CONSTITUCIONAL\/docs\/2025\/T-012-25.html\">\nT-012\/25<\/a> <br>\n&nbsp;<\/font><\/p>\n<p><font face=\"Verdana\" size=\"2\">RACIONALIZACI\u00d3N DEL GASTO P\u00daBLICO Concepto \n<a href=\"https:\/\/www.dmsjuridica.com\/JURISPRUDENCIA\/CORTE_CONSTITUCIONAL\/docs\/2025\/C-086-25.html\">\nC-086\/25<\/a> <br>\n&nbsp;<\/font><\/p>\n<p><font face=\"Verdana\" size=\"2\">R\u00c9GIMEN MIGRATORIO COLOMBIANO Acceso a documentos de viaje \n<a href=\"https:\/\/www.dmsjuridica.com\/JURISPRUDENCIA\/CORTE_CONSTITUCIONAL\/docs\/2025\/T-156-25.html\">\nT-156\/25<\/a> <br>\n&nbsp;<\/font><\/p>\n<p><font face=\"Verdana\" size=\"2\">R\u00c9GIMEN MIGRATORIO COLOMBIANO Clasificaci\u00f3n de visas, requisitos y \nprocedimientos aplicables para su expedici\u00f3n <a href=\"https:\/\/www.dmsjuridica.com\/JURISPRUDENCIA\/CORTE_CONSTITUCIONAL\/docs\/2025\/T-159-25.html\">\nT-159\/25<\/a> <br>\n&nbsp;<\/font><\/p>\n<p><font face=\"Verdana\" size=\"2\">R\u00c9GIMEN MIGRATORIO COLOMBIANO Requisitos para el tr\u00e1mite de la Visa M Padre o \nMadre de Nacional Colombiano <a href=\"https:\/\/www.dmsjuridica.com\/JURISPRUDENCIA\/CORTE_CONSTITUCIONAL\/docs\/2025\/T-156-25.html\">\nT-156\/25<\/a> <br>\n&nbsp;<\/font><\/p>\n<p><font face=\"Verdana\" size=\"2\">REGIMEN PROBATORIO EN MATERIA DE TUTELA Est\u00e1ndar de convencimiento m\u00ednimo del \njuez constitucional, respecto de la vulneraci\u00f3n de derechos fundamentales \n<a href=\"https:\/\/www.dmsjuridica.com\/JURISPRUDENCIA\/CORTE_CONSTITUCIONAL\/docs\/2025\/SU018-25.html\">\nSU.018\/25<\/a> <br>\n&nbsp;<\/font><\/p>\n<p><font face=\"Verdana\" size=\"2\">REGION AMAZONICA Fen\u00f3meno de los r\u00edos voladores \n<a href=\"https:\/\/www.dmsjuridica.com\/JURISPRUDENCIA\/CORTE_CONSTITUCIONAL\/docs\/2025\/T-106-25.html\">\nT-106\/25<\/a> <br>\n&nbsp;<\/font><\/p>\n<p><font face=\"Verdana\" size=\"2\">REGISTRADURIA NACIONAL DEL ESTADO CIVIL Alcance de la competencia de \nverificar la inscripci\u00f3n de candidatos <a href=\"https:\/\/www.dmsjuridica.com\/JURISPRUDENCIA\/CORTE_CONSTITUCIONAL\/docs\/2025\/T-141-25.html\">\nT-141\/25<\/a> <br>\n&nbsp;<\/font><\/p>\n<p><font face=\"Verdana\" size=\"2\">REGISTRO \u00daNICO DE V\u00cdCTIMAS Inscripci\u00f3n de grupo ind\u00edgena como sujeto de \nreparaci\u00f3n colectiva <a href=\"https:\/\/www.dmsjuridica.com\/JURISPRUDENCIA\/CORTE_CONSTITUCIONAL\/docs\/2025\/T-185-25.html\">\nT-185\/25<\/a> <br>\n&nbsp;<\/font><\/p>\n<p><font face=\"Verdana\" size=\"2\">RESPONSABILIDAD PATRIMONIAL DEL ESTADO Defectuoso funcionamiento en el \nservicio de administraci\u00f3n de justicia <a href=\"https:\/\/www.dmsjuridica.com\/JURISPRUDENCIA\/CORTE_CONSTITUCIONAL\/docs\/2025\/SU054-25.html\">\nSU.054\/25<\/a> <br>\n&nbsp;<\/font><\/p>\n<p><font face=\"Verdana\" size=\"2\">RESPONSABILIDAD PATRIMONIAL DEL ESTADO Error judicial en el servicio de \nadministraci\u00f3n de justicia <a href=\"https:\/\/www.dmsjuridica.com\/JURISPRUDENCIA\/CORTE_CONSTITUCIONAL\/docs\/2025\/SU054-25.html\">\nSU.054\/25<\/a> <br>\n&nbsp;<\/font><\/p>\n<p><font face=\"Verdana\" size=\"2\">REVISION TRIENAL DEL ESTADO DE INVALIDEZ Flexibilizaci\u00f3n del requisito de \npresencialidad cuando el pensionado se encuentra en imposibilidad f\u00edsica o \ngeogr\u00e1fica de asistir <a href=\"https:\/\/www.dmsjuridica.com\/JURISPRUDENCIA\/CORTE_CONSTITUCIONAL\/docs\/2025\/T-139-25.html\">\nT-139\/25<\/a> <br>\n&nbsp;<\/font><\/p>\n<p><font face=\"Verdana\" size=\"2\">SALA ESPECIAL DE SEGUIMIENTO DE LA CORTE CONSTITUCIONAL Actuaciones tienen \ncar\u00e1cter procesal y obligatorio <a href=\"https:\/\/www.dmsjuridica.com\/JURISPRUDENCIA\/CORTE_CONSTITUCIONAL\/docs\/2025\/SU277-25.html\">\nSU.277\/25<\/a> <br>\n&nbsp;<\/font><\/p>\n<p><font face=\"Verdana\" size=\"2\">SECTOR INFORMAL Concepto \n<a href=\"https:\/\/www.dmsjuridica.com\/JURISPRUDENCIA\/CORTE_CONSTITUCIONAL\/docs\/2025\/T-211-25.html\">\nT-211\/25<\/a> <br>\n&nbsp;<\/font><\/p>\n<p><font face=\"Verdana\" size=\"2\">SEGUIMIENTO SENTENCIA DE LA CORTE CONSTITUCIONAL EN MATERIA DE DERECHO A LA \nSALUD Y A LA VIDA Nivel de cumplimiento bajo <a href=\"https:\/\/www.dmsjuridica.com\/JURISPRUDENCIA\/CORTE_CONSTITUCIONAL\/docs\/2025\/SU277-25.html\">\nSU.277\/25<\/a> <br>\n&nbsp;<\/font><\/p>\n<p><font face=\"Verdana\" size=\"2\">SEGUIMIENTO SENTENCIA DE LA CORTE CONSTITUCIONAL EN MATERIA DE DERECHO A LA \nSALUD Y VIDA Competencia para verificar el cumplimiento de las \u00f3rdenes \nestructurales de la Sentencia <a href=\"https:\/\/www.dmsjuridica.com\/JURISPRUDENCIA\/CORTE_CONSTITUCIONAL\/docs\/2025\/SU277-25.html\">\nSU.277\/25<\/a> <br>\n&nbsp;<\/font><\/p>\n<p><font face=\"Verdana\" size=\"2\">SEGUIMIENTO SENTENCIA DE LA CORTE CONSTITUCIONAL EN MATERIA DE DERECHO A LA \nSALUD Y A LA VIDA Suficiencia de los presupuestos m\u00e1ximos para garantizar la \nfinanciaci\u00f3n del Plan de Beneficios en Salud, que no se cubren con recursos de \nla UPC <a href=\"https:\/\/www.dmsjuridica.com\/JURISPRUDENCIA\/CORTE_CONSTITUCIONAL\/docs\/2025\/SU277-25.html\">\nSU.277\/25<\/a> <br>\n&nbsp;<\/font><\/p>\n<p><font face=\"Verdana\" size=\"2\">SERVICIO DE CUIDADOR PERMANENTE Deber de realizar una valoraci\u00f3n integral del \nentorno del paciente <a href=\"https:\/\/www.dmsjuridica.com\/JURISPRUDENCIA\/CORTE_CONSTITUCIONAL\/docs\/2025\/T-124-25.html\">\nT-124\/25<\/a>&nbsp; &#8211; \n<a href=\"https:\/\/www.dmsjuridica.com\/JURISPRUDENCIA\/CORTE_CONSTITUCIONAL\/docs\/2025\/T-167-25.html\">\nT-167\/25<\/a>&nbsp; &#8211; \n<a href=\"https:\/\/www.dmsjuridica.com\/JURISPRUDENCIA\/CORTE_CONSTITUCIONAL\/docs\/2025\/T-158-25.html\">\nT-158\/25<\/a>&nbsp; &#8211; \n<a href=\"https:\/\/www.dmsjuridica.com\/JURISPRUDENCIA\/CORTE_CONSTITUCIONAL\/docs\/2025\/T-199-25.html\">\nT-199\/25<\/a> <br>\n&nbsp;<\/font><\/p>\n<p><font face=\"Verdana\" size=\"2\">SERVICIO DE TRANSPORTE COMO MEDIO DE ACCESO AL SERVICIO DE SALUD Alcance&nbsp;\n<a href=\"https:\/\/www.dmsjuridica.com\/JURISPRUDENCIA\/CORTE_CONSTITUCIONAL\/docs\/2025\/T-010-25.html\">\nT-010\/25<\/a>&nbsp; &#8211; \n<a href=\"https:\/\/www.dmsjuridica.com\/JURISPRUDENCIA\/CORTE_CONSTITUCIONAL\/docs\/2025\/T-270-25.html\">\nT-270\/25<\/a>&nbsp; &#8211; \n<a href=\"https:\/\/www.dmsjuridica.com\/JURISPRUDENCIA\/CORTE_CONSTITUCIONAL\/docs\/2025\/T-289-25.html\">\nT-289\/25<\/a> <br>\n&nbsp;<\/font><\/p>\n<p><font face=\"Verdana\" size=\"2\">SISTEMA INTEGRADO DE MATR\u00cdCULAS (SIMAT) Caracter\u00edsticas \n<a href=\"https:\/\/www.dmsjuridica.com\/JURISPRUDENCIA\/CORTE_CONSTITUCIONAL\/docs\/2025\/T-150-25.html\">\nT-150\/25<\/a> &#8211;\n<a href=\"https:\/\/www.dmsjuridica.com\/JURISPRUDENCIA\/CORTE_CONSTITUCIONAL\/docs\/2025\/T-171-25.html\">\nT-171\/25<\/a> <br>\n&nbsp;<\/font><\/p>\n<p><font face=\"Verdana\" size=\"2\">SISTEMAS ALIMENTARIOS IND\u00cdGENAS Caracter\u00edsticas \n<a href=\"https:\/\/www.dmsjuridica.com\/JURISPRUDENCIA\/CORTE_CONSTITUCIONAL\/docs\/2025\/T-106-25.html\">\nT-106\/25<\/a> <br>\n&nbsp;<\/font><\/p>\n<p><font face=\"Verdana\" size=\"2\">SISTEMAS ALIMENTARIOS IND\u00cdGENAS Importancia para la seguridad alimentaria, la \nconservaci\u00f3n de la naturaleza y la supervivencia de los pueblos ind\u00edgenas \n<a href=\"https:\/\/www.dmsjuridica.com\/JURISPRUDENCIA\/CORTE_CONSTITUCIONAL\/docs\/2025\/T-106-25.html\">\nT-106\/25<\/a> <br>\n&nbsp;<\/font><\/p>\n<p><font face=\"Verdana\" size=\"2\">SISTEMAS ALIMENTARIOS IND\u00cdGENAS Protecci\u00f3n de las chagras \n<a href=\"https:\/\/www.dmsjuridica.com\/JURISPRUDENCIA\/CORTE_CONSTITUCIONAL\/docs\/2025\/T-106-25.html\">\nT-106\/25<\/a> <br>\n&nbsp;<\/font><\/p>\n<p><font face=\"Verdana\" size=\"2\">SISTEMAS DE TOMA DE DECISIONES AUTOMATIZADAS (SDA) Concepto y aspectos \nb\u00e1sicos acerca de su funcionamiento <a href=\"https:\/\/www.dmsjuridica.com\/JURISPRUDENCIA\/CORTE_CONSTITUCIONAL\/docs\/2025\/T-067-25.html\">\nT-067\/25<\/a> <br>\n&nbsp;<\/font><\/p>\n<p><font face=\"Verdana\" size=\"2\">SISTEMAS DE TOMA DE DECISIONES AUTOMATIZADAS (SDA) Riesgos de la \ntransparencia del c\u00f3digo fuente <a href=\"https:\/\/www.dmsjuridica.com\/JURISPRUDENCIA\/CORTE_CONSTITUCIONAL\/docs\/2025\/T-067-25.html\">\nT-067\/25<\/a> <br>\n&nbsp;<\/font><\/p>\n<p><font face=\"Verdana\" size=\"2\">SORDOLIMPIADAS Importancia \n<a href=\"https:\/\/www.dmsjuridica.com\/JURISPRUDENCIA\/CORTE_CONSTITUCIONAL\/docs\/2025\/T-286-25.html\">\nT-286\/25<\/a> <br>\n&nbsp;<\/font><\/p>\n<p><font face=\"Verdana\" size=\"2\">TEOR\u00cdA DE LAS CAPACIDADES Concepto \n<a href=\"https:\/\/www.dmsjuridica.com\/JURISPRUDENCIA\/CORTE_CONSTITUCIONAL\/docs\/2025\/T-286-25.html\">\nT-286\/25<\/a> <br>\n&nbsp;<\/font><\/p>\n<p><font face=\"Verdana\" size=\"2\">TERMINACION DE CONTRATO LABORAL POR RENUNCIA DEL TRABAJADOR Ineficacia cuando \nel contexto configura un despido indirecto <a href=\"https:\/\/www.dmsjuridica.com\/JURISPRUDENCIA\/CORTE_CONSTITUCIONAL\/docs\/2025\/T-155-25.html\">\nT-155\/25<\/a> <br>\n&nbsp;<\/font><\/p>\n<p><font face=\"Verdana\" size=\"2\">TERMINACION DE CONTRATO LABORAL POR RENUNCIA DEL TRABAJADOR Oportunidad de la \nretractaci\u00f3n <a href=\"https:\/\/www.dmsjuridica.com\/JURISPRUDENCIA\/CORTE_CONSTITUCIONAL\/docs\/2025\/T-104-25.html\">\nT-104\/25<\/a> <br>\n&nbsp;<\/font><\/p>\n<p><font face=\"Verdana\" size=\"2\">TIERRAS COMUNALES DE LOS PUEBLOS AFRODESCENDIENTES Marco normativo \n<a href=\"https:\/\/www.dmsjuridica.com\/JURISPRUDENCIA\/CORTE_CONSTITUCIONAL\/docs\/2025\/T-105-25.html\">\nT-105\/25<\/a><br>\n&nbsp;<\/font><\/p>\n<p><font face=\"Verdana\" size=\"2\">TRANSPARENCIA ALGOR\u00cdTMICA Concepto \n<a href=\"https:\/\/www.dmsjuridica.com\/JURISPRUDENCIA\/CORTE_CONSTITUCIONAL\/docs\/2025\/T-067-25.html\">\nT-067\/25<\/a> <br>\n&nbsp;<\/font><\/p>\n<p><font face=\"Verdana\" size=\"2\">TRANSPARENCIA ALGOR\u00cdTMICA Finalidad \n<a href=\"https:\/\/www.dmsjuridica.com\/JURISPRUDENCIA\/CORTE_CONSTITUCIONAL\/docs\/2025\/T-067-25.html\">\nT-067\/25<\/a> <br>\n&nbsp;<\/font><\/p>\n<p><font face=\"Verdana\" size=\"2\">TRANSPARENCIA ALGOR\u00cdTMICA Garant\u00eda fundamental \n<a href=\"https:\/\/www.dmsjuridica.com\/JURISPRUDENCIA\/CORTE_CONSTITUCIONAL\/docs\/2025\/T-067-25.html\">\nT-067\/25<\/a> <br>\n&nbsp;<\/font><\/p>\n<p><font face=\"Verdana\" size=\"2\">TRANSPARENCIA ALGOR\u00cdTMICA Importancia \n<a href=\"https:\/\/www.dmsjuridica.com\/JURISPRUDENCIA\/CORTE_CONSTITUCIONAL\/docs\/2025\/T-067-25.html\">\nT-067\/25<\/a> <br>\n&nbsp;<\/font><\/p>\n<p><font face=\"Verdana\" size=\"2\">TUTELA CONTRA DECISIONES JUDICIALES EN MEDIO DE CONTROL NULIDAD SIMPLE \nConfiguraci\u00f3n del defecto f\u00e1ctico por exigir demostrar requisitos que la \nnormatividad no impone y deficiencia en la valoraci\u00f3n probatoria \n<a href=\"https:\/\/www.dmsjuridica.com\/JURISPRUDENCIA\/CORTE_CONSTITUCIONAL\/docs\/2025\/SU175-25.html\">\nSU.175\/25<\/a> <br>\n&nbsp;<\/font><\/p>\n<p><font face=\"Verdana\" size=\"2\">TUTELA CONTRA DECISIONES JUDICIALES EN MEDIO DE CONTROL NULIDAD SIMPLE \nViolaci\u00f3n directa de la Constituci\u00f3n al entender que las colaciones pol\u00edticas \nsolo pueden estar conformadas por agrupaciones con personer\u00eda jur\u00eddica \n<a href=\"https:\/\/www.dmsjuridica.com\/JURISPRUDENCIA\/CORTE_CONSTITUCIONAL\/docs\/2025\/SU175-25.html\">\nSU.175\/25<\/a> <br>\n&nbsp;<\/font><\/p>\n<p><font face=\"Verdana\" size=\"2\">TUTELA CONTRA DECISIONES JUDICIALES EN MEDIO DE CONTROL NULIDAD Y \nRESTABLECIMIENTO DEL DERECHO Interpretaci\u00f3n de la causal de inhabilidad \nsobreviniente por la imposici\u00f3n de tres sanciones disciplinarias \n<a href=\"https:\/\/www.dmsjuridica.com\/JURISPRUDENCIA\/CORTE_CONSTITUCIONAL\/docs\/2025\/SU070-25.html\">\nSU.070\/25<\/a> <br>\n&nbsp;<\/font><\/p>\n<p><font face=\"Verdana\" size=\"2\">TUTELA CONTRA INTERVENCI\u00d3N FORZOSA ADMINISTRATIVA DE ENTIDAD PROMOTORA DE \nSALUD Vulneraci\u00f3n del debido proceso por defecto sustantivo al desconocer el \nprecedente constitucional <a href=\"https:\/\/www.dmsjuridica.com\/JURISPRUDENCIA\/CORTE_CONSTITUCIONAL\/docs\/2025\/SU277-25.html\">\nSU.277\/25<\/a> <br>\n&nbsp;<\/font><\/p>\n<p><font face=\"Verdana\" size=\"2\">TUTELA CONTRA PROVIDENCIAS JUDICIALES EN PROCESO DE RESTITUCI\u00d3N DE TIERRAS No \nse configura defecto por error inducido <a href=\"https:\/\/www.dmsjuridica.com\/JURISPRUDENCIA\/CORTE_CONSTITUCIONAL\/docs\/2025\/SU088-25.html\">\nSU.088\/25<\/a> <br>\n&nbsp;<\/font><\/p>\n<p><font face=\"Verdana\" size=\"2\">TUTELA CONTRA PROVIDENCIAS JUDICIALES EN PROCESO DE RESTITUCI\u00d3N DE TIERRAS No \nse configura defecto sustantivo <a href=\"https:\/\/www.dmsjuridica.com\/JURISPRUDENCIA\/CORTE_CONSTITUCIONAL\/docs\/2025\/SU088-25.html\">\nSU.088\/25<\/a> <br>\n&nbsp;<\/font><\/p>\n<p><font face=\"Verdana\" size=\"2\">UNIDAD NACIONAL DE PROTECCI\u00d3N Matriz de calificaci\u00f3n del riesgo \n<a href=\"https:\/\/www.dmsjuridica.com\/JURISPRUDENCIA\/CORTE_CONSTITUCIONAL\/docs\/2025\/T-258-25.html\">\nT-258\/25<\/a>&nbsp; <br>\n&nbsp;<\/font><\/p>\n<p><font face=\"Verdana\" size=\"2\">VENTA DIRECTA Y MERCADEO MULTINIVEL Caracter\u00edsticas \n<a href=\"https:\/\/www.dmsjuridica.com\/JURISPRUDENCIA\/CORTE_CONSTITUCIONAL\/docs\/2025\/T-132-25.html\">\nT-132\/25<\/a> <br>\n&nbsp;<\/font><\/p>\n<p><font face=\"Verdana\" size=\"2\">VENTA DIRECTA Y MERCADEO MULTINIVEL Din\u00e1micas laborales \n<a href=\"https:\/\/www.dmsjuridica.com\/JURISPRUDENCIA\/CORTE_CONSTITUCIONAL\/docs\/2025\/T-132-25.html\">\nT-132\/25<\/a> <br>\n&nbsp;<\/font><\/p>\n<p><font face=\"Verdana\" size=\"2\">VENTA DIRECTA Y MERCADEO MULTINIVEL Marco normativo \n<a href=\"https:\/\/www.dmsjuridica.com\/JURISPRUDENCIA\/CORTE_CONSTITUCIONAL\/docs\/2025\/T-132-25.html\">\nT-132\/25<\/a> <br>\n&nbsp;<\/font><\/p>\n<p><font face=\"Verdana\" size=\"2\">VENTA DIRECTA Y MERCADEO MULTINIVEL Naturaleza contractual \n<a href=\"https:\/\/www.dmsjuridica.com\/JURISPRUDENCIA\/CORTE_CONSTITUCIONAL\/docs\/2025\/T-132-25.html\">\nT-132\/25<\/a> <br>\n&nbsp;<\/font><\/p>\n<p><font face=\"Verdana\" size=\"2\">VENTA DIRECTA Y MERCADEO MULTINIVEL Situaci\u00f3n laboral de las mujeres \n<a href=\"https:\/\/www.dmsjuridica.com\/JURISPRUDENCIA\/CORTE_CONSTITUCIONAL\/docs\/2025\/T-132-25.html\">\nT-132\/25<\/a> <br>\n&nbsp;<\/font><\/p>\n<p><font face=\"Verdana\" size=\"2\">VICTIMAS DE TRATA DE PERSONAS Deber del Estado de garantizar la reintegraci\u00f3n \nen la sociedad y prevenir la revictimizaci\u00f3n <a href=\"https:\/\/www.dmsjuridica.com\/JURISPRUDENCIA\/CORTE_CONSTITUCIONAL\/docs\/2025\/T-066-25.html\">\nT-066\/25<\/a> <br>\n&nbsp;<\/font><\/p>\n<p><font face=\"Verdana\" size=\"2\">VIOLENCIA DOMESTICA CONTRA LA MUJER Configura vicio del consentimiento \n<a href=\"https:\/\/www.dmsjuridica.com\/JURISPRUDENCIA\/CORTE_CONSTITUCIONAL\/docs\/2025\/SU018-25.html\">\nSU.018\/25<\/a> <br>\n&nbsp;<\/font><\/p>\n<p><font face=\"Verdana\" size=\"2\">VIOLENCIA INSTITUCIONAL Caracterizaci\u00f3n&nbsp;\n<a href=\"https:\/\/www.dmsjuridica.com\/JURISPRUDENCIA\/CORTE_CONSTITUCIONAL\/docs\/2025\/T-009-25.html\">\nT-009\/25<\/a>&nbsp; &#8211; \n<a href=\"https:\/\/www.dmsjuridica.com\/JURISPRUDENCIA\/CORTE_CONSTITUCIONAL\/docs\/2025\/T-027-25.html\">\nT-027\/25<\/a> &#8211; \n<a href=\"https:\/\/www.dmsjuridica.com\/JURISPRUDENCIA\/CORTE_CONSTITUCIONAL\/docs\/2025\/T-059-25.html\">\nT-059\/25<\/a>&nbsp; &#8211; \n<a href=\"https:\/\/www.dmsjuridica.com\/JURISPRUDENCIA\/CORTE_CONSTITUCIONAL\/docs\/2025\/T-242-25.html\">\nT-242\/25<\/a>&nbsp; &#8211; \n<a href=\"https:\/\/www.dmsjuridica.com\/JURISPRUDENCIA\/CORTE_CONSTITUCIONAL\/docs\/2025\/T-235-25.html\">\nT-235\/25<\/a> <br>\n&nbsp;<\/font><\/p>\n<p><font face=\"Verdana\" size=\"2\">VIOLENCIA INSTITUCIONAL CONTRA LA MUJER Incumplimiento de los deberes de \nprotecci\u00f3n, atenci\u00f3n, asistencia y estabilizaci\u00f3n&nbsp;\n<a href=\"https:\/\/www.dmsjuridica.com\/JURISPRUDENCIA\/CORTE_CONSTITUCIONAL\/docs\/2025\/T-059-25.html\">\nT-059\/25<\/a>&nbsp; &#8211; \n<a href=\"https:\/\/www.dmsjuridica.com\/JURISPRUDENCIA\/CORTE_CONSTITUCIONAL\/docs\/2025\/T-144-25.html\">\nT-144\/25<\/a> <br>\n&nbsp;<\/font><\/p>\n<p><font face=\"Verdana\" size=\"2\">VIOLENCIA INSTITUCIONAL Incidencia de los estereotipos y prejuicios de g\u00e9nero \nen la actuaci\u00f3n judicial <a href=\"https:\/\/www.dmsjuridica.com\/JURISPRUDENCIA\/CORTE_CONSTITUCIONAL\/docs\/2025\/T-027-25.html\">\nT-027\/25<\/a>&nbsp; &#8211; \n<a href=\"https:\/\/www.dmsjuridica.com\/JURISPRUDENCIA\/CORTE_CONSTITUCIONAL\/docs\/2025\/T-242-25.html\">\nT-242\/25<\/a>&nbsp; &#8211; \n<a href=\"https:\/\/www.dmsjuridica.com\/JURISPRUDENCIA\/CORTE_CONSTITUCIONAL\/docs\/2025\/T-235-25.html\">\nT-235\/25<\/a> <br>\n&nbsp;<\/font><\/p>\n<p><font face=\"Verdana\" size=\"2\">VIOLENCIA PSICOLOGICA Amenaza de feminicidio\n<a href=\"https:\/\/www.dmsjuridica.com\/JURISPRUDENCIA\/CORTE_CONSTITUCIONAL\/docs\/2025\/T-027-25.html\">\nT-027\/25<\/a> <br>\n&nbsp;<\/font><\/p>\n<p><font face=\"Verdana\" size=\"2\">VIOLENCIA PSICOL\u00d3GICA CONTRA LA MUJER Manifestaci\u00f3n \n<a href=\"https:\/\/www.dmsjuridica.com\/JURISPRUDENCIA\/CORTE_CONSTITUCIONAL\/docs\/2025\/SU018-25.html\">\nSU.018\/25<\/a> <br>\n&nbsp;<\/font><\/p>\n\n<\/body>\n\n<\/html>\n","protected":false},"excerpt":{"rendered":"<p>Tema &nbsp; ABANDONO SOCIAL Caracterizaci\u00f3n&nbsp; T-226\/25&nbsp; &#8211; T-303\/25&nbsp; &nbsp; ACCESIBILIDAD AL DERECHO A LA SALUD Servicio de traslado en ambulancia hace parte del Plan de Beneficios en Salud T-270\/25 &nbsp; ACCI\u00d3N DE TUTELA CONTRA PROVIDENCIAS JUDICIALES EN ASUNTO DISCIPLINARIO Procedencia por defecto f\u00e1ctico, incumplimiento de los est\u00e1ndares legales de valoraci\u00f3n probatoria T-013\/25 &nbsp; ACCI\u00d3N DE [&hellip;]<\/p>\n","protected":false},"author":1,"featured_media":0,"parent":0,"menu_order":0,"comment_status":"closed","ping_status":"closed","template":"","meta":{"footnotes":""},"class_list":["post-81433","page","type-page","status-publish","hentry"],"_links":{"self":[{"href":"https:\/\/www.dmsjuridica.com\/buscador_20179478954\/indice_tematico_corte\/wp-json\/wp\/v2\/pages\/81433","targetHints":{"allow":["GET"]}}],"collection":[{"href":"https:\/\/www.dmsjuridica.com\/buscador_20179478954\/indice_tematico_corte\/wp-json\/wp\/v2\/pages"}],"about":[{"href":"https:\/\/www.dmsjuridica.com\/buscador_20179478954\/indice_tematico_corte\/wp-json\/wp\/v2\/types\/page"}],"author":[{"embeddable":true,"href":"https:\/\/www.dmsjuridica.com\/buscador_20179478954\/indice_tematico_corte\/wp-json\/wp\/v2\/users\/1"}],"replies":[{"embeddable":true,"href":"https:\/\/www.dmsjuridica.com\/buscador_20179478954\/indice_tematico_corte\/wp-json\/wp\/v2\/comments?post=81433"}],"version-history":[{"count":9,"href":"https:\/\/www.dmsjuridica.com\/buscador_20179478954\/indice_tematico_corte\/wp-json\/wp\/v2\/pages\/81433\/revisions"}],"predecessor-version":[{"id":84815,"href":"https:\/\/www.dmsjuridica.com\/buscador_20179478954\/indice_tematico_corte\/wp-json\/wp\/v2\/pages\/81433\/revisions\/84815"}],"wp:attachment":[{"href":"https:\/\/www.dmsjuridica.com\/buscador_20179478954\/indice_tematico_corte\/wp-json\/wp\/v2\/media?parent=81433"}],"curies":[{"name":"wp","href":"https:\/\/api.w.org\/{rel}","templated":true}]}}