{"id":4951,"date":"2024-02-26T11:49:09","date_gmt":"2024-02-26T16:49:09","guid":{"rendered":"https:\/\/www.dmsjuridica.com\/buscador_20179478954\/legislacion\/leyes\/?page_id=4951"},"modified":"2024-02-26T11:49:09","modified_gmt":"2024-02-26T16:49:09","slug":"leyes-2023","status":"publish","type":"page","link":"https:\/\/www.dmsjuridica.com\/buscador_20179478954\/legislacion\/leyes\/leyes-2023\/","title":{"rendered":"Leyes 2023"},"content":{"rendered":"<div class=\"pt-cv-wrapper\"><div class=\"pt-cv-view pt-cv-grid pt-cv-colsys\" id=\"pt-cv-view-482901exvg\"><div data-id=\"pt-cv-page-1\" class=\"pt-cv-page\" data-cvc=\"1\"><div class=\"col-md-12 col-sm-12 col-xs-12 pt-cv-content-item pt-cv-1-col\" ><div class='pt-cv-ifield'><a href=\"https:\/\/www.dmsjuridica.com\/buscador_20179478954\/legislacion\/leyes\/2024\/02\/07\/ley-2342-de-2023\/\" class=\"_self pt-cv-href-thumbnail pt-cv-thumb-default\" target=\"_self\" ><\/a>\n<h4 class=\"pt-cv-title\"><a href=\"https:\/\/www.dmsjuridica.com\/buscador_20179478954\/legislacion\/leyes\/2024\/02\/07\/ley-2342-de-2023\/\" class=\"_self\" target=\"_self\" >LEY 2342 DE 2023<\/a><\/h4>\n<div class=\"pt-cv-content\">POR LA CUAL SE DECRETA EL PRESUPUESTO DE RENTAS Y RECURSOS DE CAPITAL Y LEY DE APROPIACIONES PARA LA VIGENCIA FISCAL DEL 01 DE ENERO AL 31 DE DICIEMBRE DE 2024 El CONGRESO DE COLOMBIA DECRETA: PRIMERA PARTE CAP\u00cdTULO I PRESUPUESTO DE RENTAS Y RECURSOS DE CAPITAL ART\u00cdCULO 1. PRESUPUESTO DE RENTAS Y RECURSOS DE CAPITAL. F\u00edjense los c\u00f3mputos del presupuesto de rentas y recursos de capital del Tesoro de la Naci\u00f3n para la vigencia fiscal del 1. de enero al 31 de diciembre de 2024, en la suma de QUINIENTOS DOS BILLONES QUINIENTOS NOVENTA Y SEIS MIL OCHOCIENTOS TREINTA ...<br \/><div class=\"pt-cv-rmwrap\"><a href=\"https:\/\/www.dmsjuridica.com\/buscador_20179478954\/legislacion\/leyes\/2024\/02\/07\/ley-2342-de-2023\/\" class=\"_self pt-cv-readmore btn btn-success\" target=\"_self\">Leer M\u00e1s<\/a><\/div><\/div><\/div><\/div>\n<div class=\"col-md-12 col-sm-12 col-xs-12 pt-cv-content-item pt-cv-1-col\" ><div class='pt-cv-ifield'><a href=\"https:\/\/www.dmsjuridica.com\/buscador_20179478954\/legislacion\/leyes\/2024\/02\/07\/ley-2341-de-2023\/\" class=\"_self pt-cv-href-thumbnail pt-cv-thumb-default\" target=\"_self\" ><\/a>\n<h4 class=\"pt-cv-title\"><a href=\"https:\/\/www.dmsjuridica.com\/buscador_20179478954\/legislacion\/leyes\/2024\/02\/07\/ley-2341-de-2023\/\" class=\"_self\" target=\"_self\" >LEY 2341 DE 2023<\/a><\/h4>\n<div class=\"pt-cv-content\">POR MEDIO DE LA CUAL SE ESTABLECEN DISPOSICIONES ESPECIALES PARA RESOLVER LA SITUACI\u00d3N MILITAR DE MAYORES DE VEINTICUATRO (24) A\u00d1OS Y LOS ESTUDIANTES UNIVERSITARIOS QUE HAYAN SUPERADO LOS CINCO (5) SEMESTRES DE LA CARRERA Y SE DICTAN OTRAS DISPOSICIONES EL CONGRESO DE COLOMBIA DECRETA: ART\u00cdCULO 1\u00b0. Objeto. La presente ley tiene por objeto establecer disposiciones especiales para resolver la situaci\u00f3n militar para los mayores de veinticuatro (24) a\u00f1os y los estudiantes universitarios que se encuentren cursando m\u00e1s de cinco (5) semestres, sin distingo de la condici\u00f3n en la que se encuentren. ART\u00cdCULO 2\u00b0. Tr\u00e1mite y requisitos para definir la situaci\u00f3n ...<br \/><div class=\"pt-cv-rmwrap\"><a href=\"https:\/\/www.dmsjuridica.com\/buscador_20179478954\/legislacion\/leyes\/2024\/02\/07\/ley-2341-de-2023\/\" class=\"_self pt-cv-readmore btn btn-success\" target=\"_self\">Leer M\u00e1s<\/a><\/div><\/div><\/div><\/div>\n<div class=\"col-md-12 col-sm-12 col-xs-12 pt-cv-content-item pt-cv-1-col\" ><div class='pt-cv-ifield'><a href=\"https:\/\/www.dmsjuridica.com\/buscador_20179478954\/legislacion\/leyes\/2024\/02\/07\/ley-2337-de-2023\/\" class=\"_self pt-cv-href-thumbnail pt-cv-thumb-default\" target=\"_self\" ><\/a>\n<h4 class=\"pt-cv-title\"><a href=\"https:\/\/www.dmsjuridica.com\/buscador_20179478954\/legislacion\/leyes\/2024\/02\/07\/ley-2337-de-2023\/\" class=\"_self\" target=\"_self\" >LEY 2337 DE 2023<\/a><\/h4>\n<div class=\"pt-cv-content\">LEY 2337 DE 2023 (Octubre 12) \"POR MEDIO DE LA CUAL SE FOMENTA LA INCLUSI\u00d3N Y PARTICIPACI\u00d3N DE LAS MUJERES EN LOS PROGRAMAS PARA EL EMPRENDIMIENTO, FORMACI\u00d3N Y DESARROLLO EMPRESARIAL\" EL CONGRESO DE COLOMBIA, DECRETA ART\u00cdCULO 1. Objeto.\u00a0La presente ley tiene por objeto disminuir la brecha de g\u00e9nero en el pa\u00eds al garantizar la obligaci\u00f3n de participaci\u00f3n m\u00ednima de mujeres, incluyendo a las mujeres transg\u00e9nero, en los proyectos, programas, instrumentos, fondos y recursos dirigidos al fomento del desarrollo empresarial, emprendimiento, innovaci\u00f3n y formaci\u00f3n de las personas; que son organizados por las entidades del orden nacional y del Sistema Nacional de ...<br \/><div class=\"pt-cv-rmwrap\"><a href=\"https:\/\/www.dmsjuridica.com\/buscador_20179478954\/legislacion\/leyes\/2024\/02\/07\/ley-2337-de-2023\/\" class=\"_self pt-cv-readmore btn btn-success\" target=\"_self\">Leer M\u00e1s<\/a><\/div><\/div><\/div><\/div>\n<div class=\"col-md-12 col-sm-12 col-xs-12 pt-cv-content-item pt-cv-1-col\" ><div class='pt-cv-ifield'><a href=\"https:\/\/www.dmsjuridica.com\/buscador_20179478954\/legislacion\/leyes\/2024\/02\/07\/ley-2336-de-2023\/\" class=\"_self pt-cv-href-thumbnail pt-cv-thumb-default\" target=\"_self\" ><\/a>\n<h4 class=\"pt-cv-title\"><a href=\"https:\/\/www.dmsjuridica.com\/buscador_20179478954\/legislacion\/leyes\/2024\/02\/07\/ley-2336-de-2023\/\" class=\"_self\" target=\"_self\" >LEY 2336 DE 2023<\/a><\/h4>\n<div class=\"pt-cv-content\">LEY 2336 DE 2023 (Octubre 11) \"POR MEDIO DE LA CUAL SE DICTA NORMAS PARA EL EJERCICIO DE LA PROFESI\u00d3N DE DESARROLLO FAMILIAR, SE EXPIDE EL C\u00d3DIGO DEONTOL\u00d3GICO Y \u00c9TICO, SE LE OTORGAN FACULTADES AL COLEGIO NACIONAL DE PROFESIONALES EN DESARROLLO FAMILIAR, SE DEROGA LA LEY\u00a0429\u00a0DE 1998 Y SE DICTAN OTRAS DISPOSICIONES RELATIVAS AL EJERCICIO DE LA PROFESI\u00d3N\" EL CONGRESO DE COLOMBIA, DECRETA T\u00cdTULO I DISPOSICIONES GENERA LES DE LA PROFESI\u00d3N EN DESARROLLO FAMILIAR ART\u00cdCULO 1.\u00a0El desarrollo familiar es una profesi\u00f3n de las ciencias sociales que tiene como objeto formar un recurso humano con capacidad y habilidad para comprender la ...<br \/><div class=\"pt-cv-rmwrap\"><a href=\"https:\/\/www.dmsjuridica.com\/buscador_20179478954\/legislacion\/leyes\/2024\/02\/07\/ley-2336-de-2023\/\" class=\"_self pt-cv-readmore btn btn-success\" target=\"_self\">Leer M\u00e1s<\/a><\/div><\/div><\/div><\/div>\n<div class=\"col-md-12 col-sm-12 col-xs-12 pt-cv-content-item pt-cv-1-col\" ><div class='pt-cv-ifield'><a href=\"https:\/\/www.dmsjuridica.com\/buscador_20179478954\/legislacion\/leyes\/2024\/02\/07\/ley-2335-de-2023\/\" class=\"_self pt-cv-href-thumbnail pt-cv-thumb-default\" target=\"_self\" ><\/a>\n<h4 class=\"pt-cv-title\"><a href=\"https:\/\/www.dmsjuridica.com\/buscador_20179478954\/legislacion\/leyes\/2024\/02\/07\/ley-2335-de-2023\/\" class=\"_self\" target=\"_self\" >LEY 2335 DE 2023<\/a><\/h4>\n<div class=\"pt-cv-content\">LEY 2335 DE 2023 (OCTUBRE 03) \"POR LA CUAL SE EXPIDEN DISPOSICIONES SOBRE LAS ESTAD\u00cdSTICAS OFICIALES EN EL PA\u00cdS\" EL CONGRESO DE COLOMBIA, DECRETA CAP\u00cdTULO I OBJETO Y \u00c1MBITO DE APLICACI\u00d3N DE LA LEY ART\u00cdCULO 1. OBJETO Y \u00c1MBITO DE APLICACI\u00d3N.\u00a0La presente ley establece el marco jur\u00eddico general para la planificaci\u00f3n, producci\u00f3n, difusi\u00f3n y administraci\u00f3n de las estad\u00edsticas oficiales del pa\u00eds. Las disposiciones de la presente ley se aplicar\u00e1n a las operaciones estad\u00edsticas, los registros administrativos y a los datos recolectados u obtenidos para fines estad\u00edsticos por parte de los productores de estad\u00edsticas oficiales en el marco del Sistema Estad\u00edstico ...<br \/><div class=\"pt-cv-rmwrap\"><a href=\"https:\/\/www.dmsjuridica.com\/buscador_20179478954\/legislacion\/leyes\/2024\/02\/07\/ley-2335-de-2023\/\" class=\"_self pt-cv-readmore btn btn-success\" target=\"_self\">Leer M\u00e1s<\/a><\/div><\/div><\/div><\/div>\n<div class=\"col-md-12 col-sm-12 col-xs-12 pt-cv-content-item pt-cv-1-col\" ><div class='pt-cv-ifield'><a href=\"https:\/\/www.dmsjuridica.com\/buscador_20179478954\/legislacion\/leyes\/2024\/02\/07\/ley-2333-de-2023\/\" class=\"_self pt-cv-href-thumbnail pt-cv-thumb-default\" target=\"_self\" ><\/a>\n<h4 class=\"pt-cv-title\"><a href=\"https:\/\/www.dmsjuridica.com\/buscador_20179478954\/legislacion\/leyes\/2024\/02\/07\/ley-2333-de-2023\/\" class=\"_self\" target=\"_self\" >LEY 2333 DE 2023<\/a><\/h4>\n<div class=\"pt-cv-content\">LEY 2333 DE 2023 (Septiembre 25) \u201cPOR MEDIO DE LA CUAL SE MODIFICA EL ART\u00cdCULO 100 DE LA LEY 1438 DE 2011\" El Congreso de Colombia, DECRETA ART\u00cdCULO 1. Objeto.\u00a0La presente ley tiene por objeto establecer mecanismos para otorgar la certificaci\u00f3n de hospitales universitarios a las instituciones prestadoras de servicios de salud por medio de un proceso de acreditaci\u00f3n cumplido en plazos espec\u00edficos, buscando as\u00ed garantizar la formaci\u00f3n en servicios de salud con criterios de calidad. ART\u00cdCULO\u00a02.\u00a0El art\u00edculo\u00a0\u00a0de la Ley 1438 de 2011, modificado por la Ley 2010 de 2019, quedar\u00e1 as\u00ed: \"ART\u00cdCULO 100. Hospitales universitarios.\u00a0El hospital universitario es una ...<br \/><div class=\"pt-cv-rmwrap\"><a href=\"https:\/\/www.dmsjuridica.com\/buscador_20179478954\/legislacion\/leyes\/2024\/02\/07\/ley-2333-de-2023\/\" class=\"_self pt-cv-readmore btn btn-success\" target=\"_self\">Leer M\u00e1s<\/a><\/div><\/div><\/div><\/div>\n<div class=\"col-md-12 col-sm-12 col-xs-12 pt-cv-content-item pt-cv-1-col\" ><div class='pt-cv-ifield'><a href=\"https:\/\/www.dmsjuridica.com\/buscador_20179478954\/legislacion\/leyes\/2024\/02\/07\/ley-2332-de-2023\/\" class=\"_self pt-cv-href-thumbnail pt-cv-thumb-default\" target=\"_self\" ><\/a>\n<h4 class=\"pt-cv-title\"><a href=\"https:\/\/www.dmsjuridica.com\/buscador_20179478954\/legislacion\/leyes\/2024\/02\/07\/ley-2332-de-2023\/\" class=\"_self\" target=\"_self\" >LEY 2332 DE 2023<\/a><\/h4>\n<div class=\"pt-cv-content\">LEY 2332 DE 2023 (Septiembre 25) \"POR MEDIO DE LA CUAL SE ESTABLECEN LOS REQUISITOS Y EL PROCEDIMIENTO NECESARIOS PARA LA ADQUISICI\u00d3N, P\u00c9RDIDA Y RECUPERACI\u00d3N DE LA NACIONALIDAD COLOMBIANA Y SE DICTAN OTRAS DISPOSICIONES\" EL CONGRESO DE COLOMBIA, DECRETA CAP\u00cdTULO I GENERALIDADES ART\u00cdCULO 1. Objeto.\u00a0Establecer los requisitos y disposiciones referentes a los procedimientos de adquisici\u00f3n, renuncia y recuperaci\u00f3n de la nacionalidad colombiana. ART\u00cdCULO 2\u00b0. \u00c1mbito de Aplicaci\u00f3n.\u00a0Lo dispuesto en esta ley se entender\u00e1, en todo caso, sin perjuicio de lo establecido en leyes especiales, tratados y acuerdos internacionales en los que Colombia sea parte. CAP\u00cdTULO II DE LA NACIONALIDAD COLOMBIANA ...<br \/><div class=\"pt-cv-rmwrap\"><a href=\"https:\/\/www.dmsjuridica.com\/buscador_20179478954\/legislacion\/leyes\/2024\/02\/07\/ley-2332-de-2023\/\" class=\"_self pt-cv-readmore btn btn-success\" target=\"_self\">Leer M\u00e1s<\/a><\/div><\/div><\/div><\/div>\n<div class=\"col-md-12 col-sm-12 col-xs-12 pt-cv-content-item pt-cv-1-col\" ><div class='pt-cv-ifield'><a href=\"https:\/\/www.dmsjuridica.com\/buscador_20179478954\/legislacion\/leyes\/2024\/02\/07\/ley-2331-de-2023\/\" class=\"_self pt-cv-href-thumbnail pt-cv-thumb-default\" target=\"_self\" ><\/a>\n<h4 class=\"pt-cv-title\"><a href=\"https:\/\/www.dmsjuridica.com\/buscador_20179478954\/legislacion\/leyes\/2024\/02\/07\/ley-2331-de-2023\/\" class=\"_self\" target=\"_self\" >LEY 2331 DE 2023<\/a><\/h4>\n<div class=\"pt-cv-content\">LEY 2331 DE 2023 (Septiembre 21) \u201cPOR MEDIO DE LA CUAL SE ADOPTAN INCENTIVOS PARA EL APOYO A INICIATIVAS LOCALES Y SE DICTAN OTRAS DISPOSICIONES\u201d EL CONGRESO DE COLOMBIA, DECRETA ART\u00cdCULO 1. Objeto.\u00a0Crear el Plan Nacional de Apoyo a Iniciativas para fortalecer los Circuitos Cortos de Comercializaci\u00f3n y el acceso de iniciativas locales a Plazas de Iniciativas Locales. ART\u00cdCULO 2\u00b0. Definiciones.\u00a0Para los efectos de esta ley, se adoptan las siguientes definiciones: Circuitos Cortos de Comercializaci\u00f3n - CCC:\u00a0Son redes alternativas de comercio en los mercados locales que configuran un modelo de circulaci\u00f3n sostenible desde el punto de vista econ\u00f3mico, ecol\u00f3gico y ...<br \/><div class=\"pt-cv-rmwrap\"><a href=\"https:\/\/www.dmsjuridica.com\/buscador_20179478954\/legislacion\/leyes\/2024\/02\/07\/ley-2331-de-2023\/\" class=\"_self pt-cv-readmore btn btn-success\" target=\"_self\">Leer M\u00e1s<\/a><\/div><\/div><\/div><\/div>\n<div class=\"col-md-12 col-sm-12 col-xs-12 pt-cv-content-item pt-cv-1-col\" ><div class='pt-cv-ifield'><a href=\"https:\/\/www.dmsjuridica.com\/buscador_20179478954\/legislacion\/leyes\/2024\/02\/07\/ley-2329-de-2023\/\" class=\"_self pt-cv-href-thumbnail pt-cv-thumb-default\" target=\"_self\" ><\/a>\n<h4 class=\"pt-cv-title\"><a href=\"https:\/\/www.dmsjuridica.com\/buscador_20179478954\/legislacion\/leyes\/2024\/02\/07\/ley-2329-de-2023\/\" class=\"_self\" target=\"_self\" >LEY 2329 DE 2023<\/a><\/h4>\n<div class=\"pt-cv-content\">LEY 2329 DE 2023 (Septiembre 21) \u201cPOR MEDIO DE LA CUAL SE MODIFICA Y ADICIONA LA LEY 1361 DE 2009 Y SE DICTAN OTRAS DISPOSICIONES\u201d El Congreso de Colombia, DECRETA ART\u00cdCULO\u00a01.\u00a0Modif\u00edquese y adici\u00f3nese un par\u00e1grafo al art\u00edculo\u00a0\u00a0de la Ley 1361 de 2009, modificado por la Ley\u00a01857\u00a0de 2017 el cual quedar\u00eda as\u00ed: ART\u00cdCULO\u00a06.\u00a0D\u00cdA NACIONAL DE LA FAMILIA.\u00a0Decl\u00e1rese el 15 de mayo de coda a\u00f1o, como el \u201cD\u00eda Nacional de la Familia\u201d. El D\u00eda de la Familia ser\u00e1 tambi\u00e9n el \u201cD\u00eda sin Redes\u201d, paro lo cual los operadores de telecomunicaciones de internet y telefon\u00eda m\u00f3vil en cumplimiento a la funci\u00f3n social que ...<br \/><div class=\"pt-cv-rmwrap\"><a href=\"https:\/\/www.dmsjuridica.com\/buscador_20179478954\/legislacion\/leyes\/2024\/02\/07\/ley-2329-de-2023\/\" class=\"_self pt-cv-readmore btn btn-success\" target=\"_self\">Leer M\u00e1s<\/a><\/div><\/div><\/div><\/div>\n<div class=\"col-md-12 col-sm-12 col-xs-12 pt-cv-content-item pt-cv-1-col\" ><div class='pt-cv-ifield'><a href=\"https:\/\/www.dmsjuridica.com\/buscador_20179478954\/legislacion\/leyes\/2024\/02\/07\/ley-2328-de-2023\/\" class=\"_self pt-cv-href-thumbnail pt-cv-thumb-default\" target=\"_self\" ><\/a>\n<h4 class=\"pt-cv-title\"><a href=\"https:\/\/www.dmsjuridica.com\/buscador_20179478954\/legislacion\/leyes\/2024\/02\/07\/ley-2328-de-2023\/\" class=\"_self\" target=\"_self\" >LEY 2328 DE 2023<\/a><\/h4>\n<div class=\"pt-cv-content\">LEY 2328 DE 2023 (Septiembre 21) \"POR MEDIO DE LA CUAL SE ESTABLECE LA POL\u00cdTICA DE ESTADO PARA EL DESARROLLO INTEGRAL EN LA INFANCIA Y ADOLESCENCIA. TODOS POR LA INFANCIA Y LA ADOLESCENCIA\" EL CONGRESO DE COLOMBIA, DECRETA ART\u00cdCULO 1\u00b0. OBJETO.\u00a0La presente ley tiene por objeto establecer la Pol\u00edtica de Estado para el Desarrollo Integral de la Infancia y Adolescencia, la cual sienta las bases conceptuales, t\u00e9cnicas, financieras y de gesti\u00f3n para, de manera progresiva garantizar la atenci\u00f3n integral de ni\u00f1as, ni\u00f1os y adolescentes entre los seis (6) y los dieciocho (18) a\u00f1os en el marco del desarrollo integral. ART\u00cdCULO ...<br \/><div class=\"pt-cv-rmwrap\"><a href=\"https:\/\/www.dmsjuridica.com\/buscador_20179478954\/legislacion\/leyes\/2024\/02\/07\/ley-2328-de-2023\/\" class=\"_self pt-cv-readmore btn btn-success\" target=\"_self\">Leer M\u00e1s<\/a><\/div><\/div><\/div><\/div>\n<div class=\"col-md-12 col-sm-12 col-xs-12 pt-cv-content-item pt-cv-1-col\" ><div class='pt-cv-ifield'><a href=\"https:\/\/www.dmsjuridica.com\/buscador_20179478954\/legislacion\/leyes\/2024\/02\/07\/ley-2327-de-2023\/\" class=\"_self pt-cv-href-thumbnail pt-cv-thumb-default\" target=\"_self\" ><\/a>\n<h4 class=\"pt-cv-title\"><a href=\"https:\/\/www.dmsjuridica.com\/buscador_20179478954\/legislacion\/leyes\/2024\/02\/07\/ley-2327-de-2023\/\" class=\"_self\" target=\"_self\" >LEY 2327 DE 2023<\/a><\/h4>\n<div class=\"pt-cv-content\">LEY 2327 DE 2023 (Septiembre 13) \"POR MEDIO DE LA CUAL SE ESTABLECE LA DEFINICI\u00d3N DE PASIVO AMBIENTAL, SE FIJAN LINEAMIENTOS PARA SU GESTI\u00d3N Y SE DICTAN OTRAS DISPOSICIONES\" EL CONGRESO DE COLOMBIA, DECRETA ART\u00cdCULO 1. OBJETO.\u00a0La presente ley tiene por objeto establecer la definici\u00f3n de pasivo ambiental, as\u00ed como fijar lineamientos para su gesti\u00f3n participativa, adecuada y oportuna. ART\u00cdCULO 2. Definici\u00f3n.\u00a0Enti\u00e9ndase por Pasivo Ambiental las afectaciones ambientales originadas por actividades antr\u00f3picas directa o indirectamente por la mano del hombre, autorizadas o no, acumulativas o no, susceptibles de ser medibles, ubicables y delimitables geogr\u00e1ficamente, que generan un nivel de riesgo ...<br \/><div class=\"pt-cv-rmwrap\"><a href=\"https:\/\/www.dmsjuridica.com\/buscador_20179478954\/legislacion\/leyes\/2024\/02\/07\/ley-2327-de-2023\/\" class=\"_self pt-cv-readmore btn btn-success\" target=\"_self\">Leer M\u00e1s<\/a><\/div><\/div><\/div><\/div>\n<div class=\"col-md-12 col-sm-12 col-xs-12 pt-cv-content-item pt-cv-1-col\" ><div class='pt-cv-ifield'><a href=\"https:\/\/www.dmsjuridica.com\/buscador_20179478954\/legislacion\/leyes\/2024\/02\/07\/ley-2326-de-2023\/\" class=\"_self pt-cv-href-thumbnail pt-cv-thumb-default\" target=\"_self\" ><\/a>\n<h4 class=\"pt-cv-title\"><a href=\"https:\/\/www.dmsjuridica.com\/buscador_20179478954\/legislacion\/leyes\/2024\/02\/07\/ley-2326-de-2023\/\" class=\"_self\" target=\"_self\" >LEY 2326 DE 2023<\/a><\/h4>\n<div class=\"pt-cv-content\">POR MEDIO DE LA CUAL SE ADOPTA LA ALERTA ROSA Y OTRAS MEDIDAS DE PREVENCI\u00d3N, PROTECCI\u00d3N Y REPARACI\u00d3N PARA LAS NI\u00d1AS, NI\u00d1OS, J\u00d3VENES, ADOLESCENTES Y MUJERES V\u00edCTIMAS DE DESAPARICI\u00d3N DESCARGAR LEY 2326 DEL 13 DE SEPTIEMBRE DE 2023 ...<br \/><div class=\"pt-cv-rmwrap\"><a href=\"https:\/\/www.dmsjuridica.com\/buscador_20179478954\/legislacion\/leyes\/2024\/02\/07\/ley-2326-de-2023\/\" class=\"_self pt-cv-readmore btn btn-success\" target=\"_self\">Leer M\u00e1s<\/a><\/div><\/div><\/div><\/div>\n<div class=\"col-md-12 col-sm-12 col-xs-12 pt-cv-content-item pt-cv-1-col\" ><div class='pt-cv-ifield'><a href=\"https:\/\/www.dmsjuridica.com\/buscador_20179478954\/legislacion\/leyes\/2024\/02\/07\/ley-2325-de-2023\/\" class=\"_self pt-cv-href-thumbnail pt-cv-thumb-default\" target=\"_self\" ><\/a>\n<h4 class=\"pt-cv-title\"><a href=\"https:\/\/www.dmsjuridica.com\/buscador_20179478954\/legislacion\/leyes\/2024\/02\/07\/ley-2325-de-2023\/\" class=\"_self\" target=\"_self\" >LEY 2325 DE 2023<\/a><\/h4>\n<div class=\"pt-cv-content\">\"POR MEDIO DE LA CUAL EL ESTADO COLOMBIANO SE ASOCIA A LA CONMEMORACi\u00d3N DEL BICENTENARIO DE LA BATALLA DE AYACUCHO, DESIGNA EL MUNICIPIO DE RIONEGRO, ANTIOQUIA COMO SEDE PRINCIPAL DE LA CELEBRACi\u00d3N, EXALTA LA LABOR DEL GENERAL JOS\u00c9 MAR\u00edA C\u00d3RDOVA y SE DICTAN OTRAS DISPOSICIONES\" DESCARGAR LEY 2325 DEL 12 DE SEPTIEMBRE DE 2023 ...<br \/><div class=\"pt-cv-rmwrap\"><a href=\"https:\/\/www.dmsjuridica.com\/buscador_20179478954\/legislacion\/leyes\/2024\/02\/07\/ley-2325-de-2023\/\" class=\"_self pt-cv-readmore btn btn-success\" target=\"_self\">Leer M\u00e1s<\/a><\/div><\/div><\/div><\/div>\n<div class=\"col-md-12 col-sm-12 col-xs-12 pt-cv-content-item pt-cv-1-col\" ><div class='pt-cv-ifield'><a href=\"https:\/\/www.dmsjuridica.com\/buscador_20179478954\/legislacion\/leyes\/2024\/02\/07\/ley-2324-de-2023\/\" class=\"_self pt-cv-href-thumbnail pt-cv-thumb-default\" target=\"_self\" ><\/a>\n<h4 class=\"pt-cv-title\"><a href=\"https:\/\/www.dmsjuridica.com\/buscador_20179478954\/legislacion\/leyes\/2024\/02\/07\/ley-2324-de-2023\/\" class=\"_self\" target=\"_self\" >LEY 2324 DE 2023<\/a><\/h4>\n<div class=\"pt-cv-content\">\"POR MEDIO DEL CUAL SE RECONOCE LA IMPORTANCIA SOCIAL, HIST\u00d3RICA Y CULTURAL DEL TEMPLO SAN JUAN EVANGELISTA DEL MUNICIPIO DE SAMPU\u00c9S, DEPARTAMENTO DE SUCRE, Y SE DICTAN OTRAS DISPOSICIONES\" LEY-2324-DEL-05-DE-SEPTIEMBRE-DE-2023Descargar ...<br \/><div class=\"pt-cv-rmwrap\"><a href=\"https:\/\/www.dmsjuridica.com\/buscador_20179478954\/legislacion\/leyes\/2024\/02\/07\/ley-2324-de-2023\/\" class=\"_self pt-cv-readmore btn btn-success\" target=\"_self\">Leer M\u00e1s<\/a><\/div><\/div><\/div><\/div>\n<div class=\"col-md-12 col-sm-12 col-xs-12 pt-cv-content-item pt-cv-1-col\" ><div class='pt-cv-ifield'><a href=\"https:\/\/www.dmsjuridica.com\/buscador_20179478954\/legislacion\/leyes\/2024\/02\/07\/ley-2323-de-2023\/\" class=\"_self pt-cv-href-thumbnail pt-cv-thumb-default\" target=\"_self\" ><\/a>\n<h4 class=\"pt-cv-title\"><a href=\"https:\/\/www.dmsjuridica.com\/buscador_20179478954\/legislacion\/leyes\/2024\/02\/07\/ley-2323-de-2023\/\" class=\"_self\" target=\"_self\" >LEY 2323 DE 2023<\/a><\/h4>\n<div class=\"pt-cv-content\">\"POR MEDIO DEL CUAL SE ENALTECE EL PAISAJE CULTURAL CAFETERO DE COLOMBIA (Pcce), SE ARTICULA CON LOS PLANES DE DESARROLLO DEPARTAMENTALES Y MUNICIPALES, Y SE DICTAN OTRAS DISPOSICIONES\" LEY-2323-DEL-05-DE-SEPTIEMBRE-DE-2023Descargar ...<br \/><div class=\"pt-cv-rmwrap\"><a href=\"https:\/\/www.dmsjuridica.com\/buscador_20179478954\/legislacion\/leyes\/2024\/02\/07\/ley-2323-de-2023\/\" class=\"_self pt-cv-readmore btn btn-success\" target=\"_self\">Leer M\u00e1s<\/a><\/div><\/div><\/div><\/div>\n<div class=\"col-md-12 col-sm-12 col-xs-12 pt-cv-content-item pt-cv-1-col\" ><div class='pt-cv-ifield'><a href=\"https:\/\/www.dmsjuridica.com\/buscador_20179478954\/legislacion\/leyes\/2024\/02\/07\/ley-2322-de-2023\/\" class=\"_self pt-cv-href-thumbnail pt-cv-thumb-default\" target=\"_self\" ><\/a>\n<h4 class=\"pt-cv-title\"><a href=\"https:\/\/www.dmsjuridica.com\/buscador_20179478954\/legislacion\/leyes\/2024\/02\/07\/ley-2322-de-2023\/\" class=\"_self\" target=\"_self\" >LEY 2322 DE 2023<\/a><\/h4>\n<div class=\"pt-cv-content\">POR MEDIO DEL CUAL SE MODIFICA El ART\u00cdCULO 9 DE LA LEY 152 DE 1994, SE INTEGRA UN REPRESENTANTE DE LAS PERSONAS EN SITUACI\u00d3N DE DISCAPACIDAD AL CONSEJO NACIONAL DE PLANEACI\u00d3N Y SE DICTAN OTRAS DISPOSICIONES\" LEY-2322-DEL-05-DE-SEPTIEMBRE-DE-2023Descargar ...<br \/><div class=\"pt-cv-rmwrap\"><a href=\"https:\/\/www.dmsjuridica.com\/buscador_20179478954\/legislacion\/leyes\/2024\/02\/07\/ley-2322-de-2023\/\" class=\"_self pt-cv-readmore btn btn-success\" target=\"_self\">Leer M\u00e1s<\/a><\/div><\/div><\/div><\/div>\n<div class=\"col-md-12 col-sm-12 col-xs-12 pt-cv-content-item pt-cv-1-col\" ><div class='pt-cv-ifield'><a href=\"https:\/\/www.dmsjuridica.com\/buscador_20179478954\/legislacion\/leyes\/2024\/02\/07\/ley-2321-de-2023\/\" class=\"_self pt-cv-href-thumbnail pt-cv-thumb-default\" target=\"_self\" ><\/a>\n<h4 class=\"pt-cv-title\"><a href=\"https:\/\/www.dmsjuridica.com\/buscador_20179478954\/legislacion\/leyes\/2024\/02\/07\/ley-2321-de-2023\/\" class=\"_self\" target=\"_self\" >LEY 2321 DE 2023<\/a><\/h4>\n<div class=\"pt-cv-content\">\"POR MEDIO DE LA CUAL SE DECLARA AL TRABAJADOR BANANERO, AL CAMPESINO PLATANERO Y A LA PRODUCCI\u00d3N BANANERA Y PLATANERA Y A LA CULTURA GASTRON\u00d3MICA ASOCIADA AL PL\u00c1TANO Y AL BANANO COMO PATRIMONIO CULTURAL, INMATERIAL, ALIMENTICIO Y NUTRICIONAL DE LA NACI\u00d3N Y SE DICTAN OTRAS DISPOSICIONES -LEY MANUEL RIVAS PALACIOS LEY-2321-DEL-05-DE-SEPTIEMBRE-DE-2023Descargar ...<br \/><div class=\"pt-cv-rmwrap\"><a href=\"https:\/\/www.dmsjuridica.com\/buscador_20179478954\/legislacion\/leyes\/2024\/02\/07\/ley-2321-de-2023\/\" class=\"_self pt-cv-readmore btn btn-success\" target=\"_self\">Leer M\u00e1s<\/a><\/div><\/div><\/div><\/div>\n<div class=\"col-md-12 col-sm-12 col-xs-12 pt-cv-content-item pt-cv-1-col\" ><div class='pt-cv-ifield'><a href=\"https:\/\/www.dmsjuridica.com\/buscador_20179478954\/legislacion\/leyes\/2024\/02\/07\/ley-2320-de-2023\/\" class=\"_self pt-cv-href-thumbnail pt-cv-thumb-default\" target=\"_self\" ><\/a>\n<h4 class=\"pt-cv-title\"><a href=\"https:\/\/www.dmsjuridica.com\/buscador_20179478954\/legislacion\/leyes\/2024\/02\/07\/ley-2320-de-2023\/\" class=\"_self\" target=\"_self\" >LEY 2320 DE 2023<\/a><\/h4>\n<div class=\"pt-cv-content\">\"POR MEDIO DE LA CUAL SE MODIFICA LA LEY 99 DE 1993 Y SE DICTAN OTRAS DISPOSICIONES\" LEY 2320 DEL 29 DE AGOSTO DE 2023Descargar ...<br \/><div class=\"pt-cv-rmwrap\"><a href=\"https:\/\/www.dmsjuridica.com\/buscador_20179478954\/legislacion\/leyes\/2024\/02\/07\/ley-2320-de-2023\/\" class=\"_self pt-cv-readmore btn btn-success\" target=\"_self\">Leer M\u00e1s<\/a><\/div><\/div><\/div><\/div>\n<div class=\"col-md-12 col-sm-12 col-xs-12 pt-cv-content-item pt-cv-1-col\" ><div class='pt-cv-ifield'><a href=\"https:\/\/www.dmsjuridica.com\/buscador_20179478954\/legislacion\/leyes\/2024\/02\/07\/ley-2319-de-2023\/\" class=\"_self pt-cv-href-thumbnail pt-cv-thumb-default\" target=\"_self\" ><\/a>\n<h4 class=\"pt-cv-title\"><a href=\"https:\/\/www.dmsjuridica.com\/buscador_20179478954\/legislacion\/leyes\/2024\/02\/07\/ley-2319-de-2023\/\" class=\"_self\" target=\"_self\" >LEY 2319 DE 2023<\/a><\/h4>\n<div class=\"pt-cv-content\">\"POR MEDIO DE LA CUAL SE REFORMA LA LEY 397 DE 1997, SE CAMBIA LA DENOMINACI\u00d3N DEL MINISTERIO DE CULTURA, SE MODIFICA EL T\u00c9RMINO DE ECONOM\u00cdA NARANJA Y SE DICTAN OTRAS DISPOSICIONES\" LEY 2319 DEL 29 DE AGOSTO DE 2023Descargar ...<br \/><div class=\"pt-cv-rmwrap\"><a href=\"https:\/\/www.dmsjuridica.com\/buscador_20179478954\/legislacion\/leyes\/2024\/02\/07\/ley-2319-de-2023\/\" class=\"_self pt-cv-readmore btn btn-success\" target=\"_self\">Leer M\u00e1s<\/a><\/div><\/div><\/div><\/div>\n<div class=\"col-md-12 col-sm-12 col-xs-12 pt-cv-content-item pt-cv-1-col\" ><div class='pt-cv-ifield'><a href=\"https:\/\/www.dmsjuridica.com\/buscador_20179478954\/legislacion\/leyes\/2024\/02\/07\/ley-2318-de-2023\/\" class=\"_self pt-cv-href-thumbnail pt-cv-thumb-default\" target=\"_self\" ><\/a>\n<h4 class=\"pt-cv-title\"><a href=\"https:\/\/www.dmsjuridica.com\/buscador_20179478954\/legislacion\/leyes\/2024\/02\/07\/ley-2318-de-2023\/\" class=\"_self\" target=\"_self\" >LEY 2318 DE 2023<\/a><\/h4>\n<div class=\"pt-cv-content\">\"POR MEDIO DE LA CUAL SE PROH\u00cdBE EL USO DE ANIMALES PARA DISUADIR MANIFESTACIONES, MOTINES Y ASONADAS Y SE DICTAN OTRAS DISPOSICIONES\" LEY-2318-DEL-25-DE-AGOSTO-DE-2023Descargar ...<br \/><div class=\"pt-cv-rmwrap\"><a href=\"https:\/\/www.dmsjuridica.com\/buscador_20179478954\/legislacion\/leyes\/2024\/02\/07\/ley-2318-de-2023\/\" class=\"_self pt-cv-readmore btn btn-success\" target=\"_self\">Leer M\u00e1s<\/a><\/div><\/div><\/div><\/div>\n<div class=\"col-md-12 col-sm-12 col-xs-12 pt-cv-content-item pt-cv-1-col\" ><div class='pt-cv-ifield'><a href=\"https:\/\/www.dmsjuridica.com\/buscador_20179478954\/legislacion\/leyes\/2023\/08\/23\/ley-2317-de-2023\/\" class=\"_self pt-cv-href-thumbnail pt-cv-thumb-default\" target=\"_self\" ><\/a>\n<h4 class=\"pt-cv-title\"><a href=\"https:\/\/www.dmsjuridica.com\/buscador_20179478954\/legislacion\/leyes\/2023\/08\/23\/ley-2317-de-2023\/\" class=\"_self\" target=\"_self\" >LEY 2317 DE 2023<\/a><\/h4>\n<div class=\"pt-cv-content\">LEY 2317 DE 2023 (Agosto 17) \"MEDIANTE LA CUAL SE ESTABLECEN LOS LINEAMIENTOS PARA LA FORMULACI\u00d3N DE LA POL\u00cdTICA P\u00daBLICA DE NUTRICI\u00d3N PRENATAL Y SEGURIDAD ALIMENTARIA GESTACIONAL\" EL CONGRESO DE COLOMBIA, DECRETA ART\u00cdCULO 1. Objeto. La presente ley tiene por objeto dotar al Estado colombiano de una estrategia integral que atienda y mejore el estado nutricional de las mujeres gestantes conforme al diagn\u00f3stico nutricional del m\u00e9dico tratante y de esta manera prevenir la desnutrici\u00f3n, malnutrici\u00f3n y enfermedades no \"transmisibles tanto en las gestantes como en los reci\u00e9n nacidos. ART\u00cdCULO 2. Definiciones. Para efectos de la presente ley se establece la ...<br \/><div class=\"pt-cv-rmwrap\"><a href=\"https:\/\/www.dmsjuridica.com\/buscador_20179478954\/legislacion\/leyes\/2023\/08\/23\/ley-2317-de-2023\/\" class=\"_self pt-cv-readmore btn btn-success\" target=\"_self\">Leer M\u00e1s<\/a><\/div><\/div><\/div><\/div>\n<div class=\"col-md-12 col-sm-12 col-xs-12 pt-cv-content-item pt-cv-1-col\" ><div class='pt-cv-ifield'><a href=\"https:\/\/www.dmsjuridica.com\/buscador_20179478954\/legislacion\/leyes\/2023\/08\/23\/ley-2316-de-2023\/\" class=\"_self pt-cv-href-thumbnail pt-cv-thumb-default\" target=\"_self\" ><\/a>\n<h4 class=\"pt-cv-title\"><a href=\"https:\/\/www.dmsjuridica.com\/buscador_20179478954\/legislacion\/leyes\/2023\/08\/23\/ley-2316-de-2023\/\" class=\"_self\" target=\"_self\" >LEY 2316 DE 2023<\/a><\/h4>\n<div class=\"pt-cv-content\">LEY 2316 DE 2023 (Agosto 17) \"POR MEDIO DE LA CUAL SE CREA EL TIPO PENAL DE LESIONES PERSONALES CON SUSTANCIAS MODELANTES INVASIVAS E INYECTABLES NO PERMITIDAS -BIOPOL\u00cdMEROS- Y SE DICTAN OTRAS DISPOSICIONES\" EL CONGRESO DE COLOMBIA, DECRETA ART\u00cdCULO 1\u00b0. Objeto. La presente ley tiene por objeto crear el tipo penal de lesiones personales con sustancias modelantes no permitidas -biopol\u00edmeros-, regular el uso, comercializaci\u00f3n y aplicaci\u00f3n de algunas sustancias modelantes, establecer medidas a favor de las v\u00edctimas y promover estrategias preventivas en la materia. ART\u00cdCULO 2\u00b0. Definiciones. Para la aplicaci\u00f3n de la presente ley se tendr\u00e1n en cuenta las siguientes ...<br \/><div class=\"pt-cv-rmwrap\"><a href=\"https:\/\/www.dmsjuridica.com\/buscador_20179478954\/legislacion\/leyes\/2023\/08\/23\/ley-2316-de-2023\/\" class=\"_self pt-cv-readmore btn btn-success\" target=\"_self\">Leer M\u00e1s<\/a><\/div><\/div><\/div><\/div>\n<div class=\"col-md-12 col-sm-12 col-xs-12 pt-cv-content-item pt-cv-1-col\" ><div class='pt-cv-ifield'><a href=\"https:\/\/www.dmsjuridica.com\/buscador_20179478954\/legislacion\/leyes\/2023\/08\/23\/ley-2315-de-2023\/\" class=\"_self pt-cv-href-thumbnail pt-cv-thumb-default\" target=\"_self\" ><\/a>\n<h4 class=\"pt-cv-title\"><a href=\"https:\/\/www.dmsjuridica.com\/buscador_20179478954\/legislacion\/leyes\/2023\/08\/23\/ley-2315-de-2023\/\" class=\"_self\" target=\"_self\" >LEY 2315 DE 2023<\/a><\/h4>\n<div class=\"pt-cv-content\">LEY 2315 DE 2023 (Agosto 17) \"POR MEDIO DE LA CUAL SE MODIFICA LA LEY 1917 DE 2018 Y SE INCLUYE A LOS ODONT\u00d3LOGOS QUE SE ENCUENTREN CURSANDO PROGRAMAS DE ESPECIALIZACI\u00d3N M\u00c9DICO QUIR\u00daRGICA DENTRO DEL SISTEMA DE RESIDENCIAS M\u00c9DICAS EN COLOMBIA\" EL CONGRESO DE COLOMBIA, DECRETA ART\u00cdCULO 1\u00b0. Objeto. La presente ley tiene por objeto incluir a los odont\u00f3logos que se encuentren cursando programas de especializaci\u00f3n m\u00e9dico quir\u00fargica en cirug\u00eda oral y maxilofacial dentro del Sistema de Residencias M\u00e9dicas, en aras de garantizar las condiciones adecuadas e igualitarias para su formaci\u00f3n acad\u00e9mica y pr\u00e1ctica como especialistas. ART\u00cdCULO 2\u00b0. Agr\u00e9guese un ...<br \/><div class=\"pt-cv-rmwrap\"><a href=\"https:\/\/www.dmsjuridica.com\/buscador_20179478954\/legislacion\/leyes\/2023\/08\/23\/ley-2315-de-2023\/\" class=\"_self pt-cv-readmore btn btn-success\" target=\"_self\">Leer M\u00e1s<\/a><\/div><\/div><\/div><\/div>\n<div class=\"col-md-12 col-sm-12 col-xs-12 pt-cv-content-item pt-cv-1-col\" ><div class='pt-cv-ifield'><a href=\"https:\/\/www.dmsjuridica.com\/buscador_20179478954\/legislacion\/leyes\/2023\/08\/23\/ley-2314-de-2023\/\" class=\"_self pt-cv-href-thumbnail pt-cv-thumb-default\" target=\"_self\" ><\/a>\n<h4 class=\"pt-cv-title\"><a href=\"https:\/\/www.dmsjuridica.com\/buscador_20179478954\/legislacion\/leyes\/2023\/08\/23\/ley-2314-de-2023\/\" class=\"_self\" target=\"_self\" >LEY 2314 DE 2023<\/a><\/h4>\n<div class=\"pt-cv-content\">LEY 2314 DE 2023 (Agosto 09) POR LA CUAL SE PROMUEVE LA PARTICIPACI\u00d3N DE NI\u00d1AS, ADOLESCENTES Y MUJERES EN CIENCIA, TECNOLOG\u00cdA, INGENIER\u00cdA Y MATEM\u00c1TICAS EL CONGRESO DE COLOMBIA DECRETA: ART\u00cdCULO 1. Objeto. El objeto de la presente leyes promover, incentivar y fortalecer la participaci\u00f3n de ni\u00f1as, adolescentes y mujeres en \u00e1reas de la Ciencia, Tecnolog\u00eda, Ingenier\u00eda y Matem\u00e1ticas a trav\u00e9s de la implementaci\u00f3n e institucionalizaci\u00f3n de una pol\u00edtica p\u00fablica, de forma articulada, concertada y coordinada con diferentes entidades y sectores en las que se incluyan, entre otros, procesos sociales, educativos, culturales, laborales e investigativos. ART\u00cdCULO 2. Pol\u00edtica p\u00fablica de la ...<br \/><div class=\"pt-cv-rmwrap\"><a href=\"https:\/\/www.dmsjuridica.com\/buscador_20179478954\/legislacion\/leyes\/2023\/08\/23\/ley-2314-de-2023\/\" class=\"_self pt-cv-readmore btn btn-success\" target=\"_self\">Leer M\u00e1s<\/a><\/div><\/div><\/div><\/div>\n<div class=\"col-md-12 col-sm-12 col-xs-12 pt-cv-content-item pt-cv-1-col\" ><div class='pt-cv-ifield'><a href=\"https:\/\/www.dmsjuridica.com\/buscador_20179478954\/legislacion\/leyes\/2023\/08\/23\/ley-2313-de-2023\/\" class=\"_self pt-cv-href-thumbnail pt-cv-thumb-default\" target=\"_self\" ><\/a>\n<h4 class=\"pt-cv-title\"><a href=\"https:\/\/www.dmsjuridica.com\/buscador_20179478954\/legislacion\/leyes\/2023\/08\/23\/ley-2313-de-2023\/\" class=\"_self\" target=\"_self\" >LEY 2313 DE 2023<\/a><\/h4>\n<div class=\"pt-cv-content\">\"POR MEDIO DEL CUAL SE APRUEBA EL \"PROTOCOLO DE ENMIENDA DEL ACUERDO DE MARRAKECH POR EL QUE SE ESTABLECE LA OMC, MEDIANTE EL CUAL SE INSERTA EL TEXTO DEL ACUERDO SOBRE SUBVENCIONES A LA PESCA\" ADOPTADO POR EL CONSEJO GENERAL DE LA ORGANIZACI\u00d3N MUNDIAL DEL COMERCIO EN GINEBRA, SUIZA, EL 17 DE JUNIO DE 2022\" LEY-2313-DEL-2-DE-AGOSTO-DE-2023Descargar ...<br \/><div class=\"pt-cv-rmwrap\"><a href=\"https:\/\/www.dmsjuridica.com\/buscador_20179478954\/legislacion\/leyes\/2023\/08\/23\/ley-2313-de-2023\/\" class=\"_self pt-cv-readmore btn btn-success\" target=\"_self\">Leer M\u00e1s<\/a><\/div><\/div><\/div><\/div>\n<div class=\"col-md-12 col-sm-12 col-xs-12 pt-cv-content-item pt-cv-1-col\" ><div class='pt-cv-ifield'><a href=\"https:\/\/www.dmsjuridica.com\/buscador_20179478954\/legislacion\/leyes\/2023\/08\/23\/ley-2312-de-2023\/\" class=\"_self pt-cv-href-thumbnail pt-cv-thumb-default\" target=\"_self\" ><\/a>\n<h4 class=\"pt-cv-title\"><a href=\"https:\/\/www.dmsjuridica.com\/buscador_20179478954\/legislacion\/leyes\/2023\/08\/23\/ley-2312-de-2023\/\" class=\"_self\" target=\"_self\" >LEY 2312 DE 2023<\/a><\/h4>\n<div class=\"pt-cv-content\">POR MEDIO DEL CUAL LA NACI\u00d3N SE VINCULA A LA CONMEMORACI\u00d3N DE LA \"BATALLA DE SAN JUANITO\", SE RINDE HOMENAJE A LA MUJER VALLECAUCANA EN MEMORIA DE LA HERO\u00cdNA MARIA ANTONIA RUIZ Y SE DICTAN OTRAS DISPOSICIONES LEY-2312-DEL-2-DE-AGOSTO-DE-2023Descargar ...<br \/><div class=\"pt-cv-rmwrap\"><a href=\"https:\/\/www.dmsjuridica.com\/buscador_20179478954\/legislacion\/leyes\/2023\/08\/23\/ley-2312-de-2023\/\" class=\"_self pt-cv-readmore btn btn-success\" target=\"_self\">Leer M\u00e1s<\/a><\/div><\/div><\/div><\/div>\n<div class=\"col-md-12 col-sm-12 col-xs-12 pt-cv-content-item pt-cv-1-col\" ><div class='pt-cv-ifield'><a href=\"https:\/\/www.dmsjuridica.com\/buscador_20179478954\/legislacion\/leyes\/2023\/08\/23\/ley-2311-de-2023\/\" class=\"_self pt-cv-href-thumbnail pt-cv-thumb-default\" target=\"_self\" ><\/a>\n<h4 class=\"pt-cv-title\"><a href=\"https:\/\/www.dmsjuridica.com\/buscador_20179478954\/legislacion\/leyes\/2023\/08\/23\/ley-2311-de-2023\/\" class=\"_self\" target=\"_self\" >LEY 2311 DE 2023<\/a><\/h4>\n<div class=\"pt-cv-content\">POR MEDIO DEL CUAL SE FORTALECE LA CADENA PRODUCTIVA DEL FIQUE Y SE PROMUEVE LA ESPECIALIZACi\u00d3N DE LA INDUSTRIA FIQUERA LEY-2311-DEL-2-DE-AGOSTO-DE-2023Descargar ...<br \/><div class=\"pt-cv-rmwrap\"><a href=\"https:\/\/www.dmsjuridica.com\/buscador_20179478954\/legislacion\/leyes\/2023\/08\/23\/ley-2311-de-2023\/\" class=\"_self pt-cv-readmore btn btn-success\" target=\"_self\">Leer M\u00e1s<\/a><\/div><\/div><\/div><\/div>\n<div class=\"col-md-12 col-sm-12 col-xs-12 pt-cv-content-item pt-cv-1-col\" ><div class='pt-cv-ifield'><a href=\"https:\/\/www.dmsjuridica.com\/buscador_20179478954\/legislacion\/leyes\/2023\/08\/23\/ley-2310-de-2023\/\" class=\"_self pt-cv-href-thumbnail pt-cv-thumb-default\" target=\"_self\" ><\/a>\n<h4 class=\"pt-cv-title\"><a href=\"https:\/\/www.dmsjuridica.com\/buscador_20179478954\/legislacion\/leyes\/2023\/08\/23\/ley-2310-de-2023\/\" class=\"_self\" target=\"_self\" >LEY 2310 DE 2023<\/a><\/h4>\n<div class=\"pt-cv-content\">LEY 2310 DE 2023 (Agosto 02) \u201cPOR MEDIO DE LA CUAL SE ORDENA LA EXPEDICI\u00d3N DE UN LINEAMIENTO T\u00c9CNICO PARA LA ATENCI\u00d3N INTEGRAL Y EL CUIDADO DE LA SALUD MENTAL DE LA MUJER Y LA FAMILIA EN CASOS DE DUELO POR P\u00c9RDIDA GESTACIONAL O PERIN\u00c1TAL, Y SE DICTAN OTRASOISPOSICIONES \"LEY BRAZOS VAC\u00cdOS\u201d EL CONGRESO DE COLOMBIA DECRETA: ART\u00cdCULO 1\u00b0. Objeto. La presente ley tiene por objeto establecer la obligaci\u00f3n al Ministerio de Salud y Protecci\u00f3n Social, de expedir un Lineamiento t\u00e9cnico para la atenci\u00f3n integral en casos de duelo por p\u00e9rdida gestacional o perinatal, aplicable a todos los actores del ...<br \/><div class=\"pt-cv-rmwrap\"><a href=\"https:\/\/www.dmsjuridica.com\/buscador_20179478954\/legislacion\/leyes\/2023\/08\/23\/ley-2310-de-2023\/\" class=\"_self pt-cv-readmore btn btn-success\" target=\"_self\">Leer M\u00e1s<\/a><\/div><\/div><\/div><\/div>\n<div class=\"col-md-12 col-sm-12 col-xs-12 pt-cv-content-item pt-cv-1-col\" ><div class='pt-cv-ifield'><a href=\"https:\/\/www.dmsjuridica.com\/buscador_20179478954\/legislacion\/leyes\/2023\/08\/23\/ley-2309-de-2023\/\" class=\"_self pt-cv-href-thumbnail pt-cv-thumb-default\" target=\"_self\" ><\/a>\n<h4 class=\"pt-cv-title\"><a href=\"https:\/\/www.dmsjuridica.com\/buscador_20179478954\/legislacion\/leyes\/2023\/08\/23\/ley-2309-de-2023\/\" class=\"_self\" target=\"_self\" >LEY 2309 DE 2023<\/a><\/h4>\n<div class=\"pt-cv-content\">POR MEDIO DE LA CUAL SE APRUEBA LA \u00abCONVENCION DE LAS NACIONES UNIDAS SOBRE LOS ACUERDOS DE TRANSACCl\u00d3N INTERI'JACIONALES RESULTANTES DE LA MEDIACI\u00d3N\u00bb, SUSCRITA EN NUEVA YORK, EL 20 DE DICIEMBRE DE 2018 LEY-2309-DEL-2-DE-AGOSTO-DE-2023Descargar ...<br \/><div class=\"pt-cv-rmwrap\"><a href=\"https:\/\/www.dmsjuridica.com\/buscador_20179478954\/legislacion\/leyes\/2023\/08\/23\/ley-2309-de-2023\/\" class=\"_self pt-cv-readmore btn btn-success\" target=\"_self\">Leer M\u00e1s<\/a><\/div><\/div><\/div><\/div>\n<div class=\"col-md-12 col-sm-12 col-xs-12 pt-cv-content-item pt-cv-1-col\" ><div class='pt-cv-ifield'><a href=\"https:\/\/www.dmsjuridica.com\/buscador_20179478954\/legislacion\/leyes\/2023\/08\/23\/ley-2308-de-2023\/\" class=\"_self pt-cv-href-thumbnail pt-cv-thumb-default\" target=\"_self\" ><\/a>\n<h4 class=\"pt-cv-title\"><a href=\"https:\/\/www.dmsjuridica.com\/buscador_20179478954\/legislacion\/leyes\/2023\/08\/23\/ley-2308-de-2023\/\" class=\"_self\" target=\"_self\" >LEY 2308 DE 2023<\/a><\/h4>\n<div class=\"pt-cv-content\">POR MEDIO DE LA CUAL SE APRUEBA EL \"TRATADO SOBRE TRASLADO DE PERSONAS CONDENADAS PARA LA EJECUCi\u00d3N DE SENTENCIAS PENALES ENTRE LA REP\u00daBLICA DE COLOMBIA Y LOS ESTADOS UNIDOS MEXICANOS\", SUSCRITO EN LA CIUDAD DE M\u00c9XICO, EL 1 DE AGOSTO DE 2011 LEY-2308-DEL-2-DE-AGOSTO-DE-2023Descargar ...<br \/><div class=\"pt-cv-rmwrap\"><a href=\"https:\/\/www.dmsjuridica.com\/buscador_20179478954\/legislacion\/leyes\/2023\/08\/23\/ley-2308-de-2023\/\" class=\"_self pt-cv-readmore btn btn-success\" target=\"_self\">Leer M\u00e1s<\/a><\/div><\/div><\/div><\/div>\n<div class=\"col-md-12 col-sm-12 col-xs-12 pt-cv-content-item pt-cv-1-col\" ><div class='pt-cv-ifield'><a href=\"https:\/\/www.dmsjuridica.com\/buscador_20179478954\/legislacion\/leyes\/2023\/08\/23\/ley-2307-de-2023\/\" class=\"_self pt-cv-href-thumbnail pt-cv-thumb-default\" target=\"_self\" ><\/a>\n<h4 class=\"pt-cv-title\"><a href=\"https:\/\/www.dmsjuridica.com\/buscador_20179478954\/legislacion\/leyes\/2023\/08\/23\/ley-2307-de-2023\/\" class=\"_self\" target=\"_self\" >LEY 2307 DE 2023<\/a><\/h4>\n<div class=\"pt-cv-content\">LEY 2307 DE 2023 (Julio 31) \u201cPOR LA CUAL SE ESTABLECE LA GRATUIDAD EN LOS PROGRAMAS DE PREGRADO EN LAS INSTITUCIONES DE EDUCACI\u00d3N SUPERIOR P\u00daBLICAS DEL PA\u00cdS Y SE DICTAN OTRAS DISPOSICIONES\" El Congreso de Colombia, DECRETA ART\u00cdCULO 1. Objeto. La presente ley establece los lineamientos para regular la gratuidad en los programas de pregrado en las instituciones de educaci\u00f3n superior p\u00fablicas del pa\u00eds, con el fin de eliminar barreras de acceso y garantizar la permanencia educativa. ART\u00cdCULO 2. Gratuidad. A partir de la entrada en vigencia de la presente ley, el Gobierno Nacional garantizar\u00e1 la financiaci\u00f3n necesaria para asegurar ...<br \/><div class=\"pt-cv-rmwrap\"><a href=\"https:\/\/www.dmsjuridica.com\/buscador_20179478954\/legislacion\/leyes\/2023\/08\/23\/ley-2307-de-2023\/\" class=\"_self pt-cv-readmore btn btn-success\" target=\"_self\">Leer M\u00e1s<\/a><\/div><\/div><\/div><\/div>\n<div class=\"col-md-12 col-sm-12 col-xs-12 pt-cv-content-item pt-cv-1-col\" ><div class='pt-cv-ifield'><a href=\"https:\/\/www.dmsjuridica.com\/buscador_20179478954\/legislacion\/leyes\/2023\/08\/23\/ley-2306-de-2023\/\" class=\"_self pt-cv-href-thumbnail pt-cv-thumb-default\" target=\"_self\" ><\/a>\n<h4 class=\"pt-cv-title\"><a href=\"https:\/\/www.dmsjuridica.com\/buscador_20179478954\/legislacion\/leyes\/2023\/08\/23\/ley-2306-de-2023\/\" class=\"_self\" target=\"_self\" >LEY 2306 DE 2023<\/a><\/h4>\n<div class=\"pt-cv-content\">LEY 2306 DE 2023 (Julio 31) \u201cPOR MEDIO DE LA CUAL SE PROMUEVE LA PROTECCI\u00d3N DE LA MATERNIDAD Y LA PRIMERA INFANCIA, SE CREAN INCENTIVOS Y NORMAS PARA LA CONSTRUCCI\u00d3N DE \u00c1REAS QUE PERMITAN LA LACTANCIA MATERNA EN EL ESPACIO P\u00daBLICO Y SE DICTAN OTRAS DISPOSICIONES\" El Congreso de Colombia, DECRETA ART\u00cdCULO 1. Objeto. I a presente ley busca la protecci\u00f3n y apoyo a la maternidad y la primera infancia, reconociendo el derecho de las mujeres a amamantar a sus hijas e hijos en el espacio p\u00fablico, sin ning\u00fan tipo de discriminaci\u00f3n ni restricci\u00f3n. Para esto, se establece el deber ...<br \/><div class=\"pt-cv-rmwrap\"><a href=\"https:\/\/www.dmsjuridica.com\/buscador_20179478954\/legislacion\/leyes\/2023\/08\/23\/ley-2306-de-2023\/\" class=\"_self pt-cv-readmore btn btn-success\" target=\"_self\">Leer M\u00e1s<\/a><\/div><\/div><\/div><\/div>\n<div class=\"col-md-12 col-sm-12 col-xs-12 pt-cv-content-item pt-cv-1-col\" ><div class='pt-cv-ifield'><a href=\"https:\/\/www.dmsjuridica.com\/buscador_20179478954\/legislacion\/leyes\/2023\/08\/23\/ley-2305-de-2023\/\" class=\"_self pt-cv-href-thumbnail pt-cv-thumb-default\" target=\"_self\" ><\/a>\n<h4 class=\"pt-cv-title\"><a href=\"https:\/\/www.dmsjuridica.com\/buscador_20179478954\/legislacion\/leyes\/2023\/08\/23\/ley-2305-de-2023\/\" class=\"_self\" target=\"_self\" >LEY 2305 DE 2023<\/a><\/h4>\n<div class=\"pt-cv-content\">\"POR MEDIO DE LA CUAL SE APRUEBA EL \u00abCONVENIO 156 SOBRE LA IGUALDAD DE OPORTUNIDADES Y DE TRATO ENTRE TRABAJADORES Y TRABAJADORAS: TRABAJADORES CON RESPONSABILIDADES FAMILIARES\u00bb, ADOPTADO POR LA SEXAG\u00c9SIMO S\u00c9PTIMA (67a) CONFERENCIA INTERNACIONAL DE LA ORGANIZACI\u00d3N DEL TRABAJO, GINEBRA, SUIZA, EL 23 DE JUNIO DE 1981\" LEY-2305-DEL-31-DE-JULIO-DE-2023Descargar ...<br \/><div class=\"pt-cv-rmwrap\"><a href=\"https:\/\/www.dmsjuridica.com\/buscador_20179478954\/legislacion\/leyes\/2023\/08\/23\/ley-2305-de-2023\/\" class=\"_self pt-cv-readmore btn btn-success\" target=\"_self\">Leer M\u00e1s<\/a><\/div><\/div><\/div><\/div>\n<div class=\"col-md-12 col-sm-12 col-xs-12 pt-cv-content-item pt-cv-1-col\" ><div class='pt-cv-ifield'><a href=\"https:\/\/www.dmsjuridica.com\/buscador_20179478954\/legislacion\/leyes\/2023\/08\/23\/ley-2304-de-2023\/\" class=\"_self pt-cv-href-thumbnail pt-cv-thumb-default\" target=\"_self\" ><\/a>\n<h4 class=\"pt-cv-title\"><a href=\"https:\/\/www.dmsjuridica.com\/buscador_20179478954\/legislacion\/leyes\/2023\/08\/23\/ley-2304-de-2023\/\" class=\"_self\" target=\"_self\" >LEY 2304 DE 2023<\/a><\/h4>\n<div class=\"pt-cv-content\">POR MEDIO DE LA CUAL SE DECLARA PATRIMONIO NACIONAL INMATERIAL LA SEMANA SANTA EN EL MUNICIPIO DE SABANALARGA, EN EL DEPARTAMENTO DE ATL\u00c1NTICO LEY-2304-DEL-26-DE-JULIO-DE-2023Descargar ...<br \/><div class=\"pt-cv-rmwrap\"><a href=\"https:\/\/www.dmsjuridica.com\/buscador_20179478954\/legislacion\/leyes\/2023\/08\/23\/ley-2304-de-2023\/\" class=\"_self pt-cv-readmore btn btn-success\" target=\"_self\">Leer M\u00e1s<\/a><\/div><\/div><\/div><\/div>\n<div class=\"col-md-12 col-sm-12 col-xs-12 pt-cv-content-item pt-cv-1-col\" ><div class='pt-cv-ifield'><a href=\"https:\/\/www.dmsjuridica.com\/buscador_20179478954\/legislacion\/leyes\/2023\/08\/23\/ley-2303-de-2023\/\" class=\"_self pt-cv-href-thumbnail pt-cv-thumb-default\" target=\"_self\" ><\/a>\n<h4 class=\"pt-cv-title\"><a href=\"https:\/\/www.dmsjuridica.com\/buscador_20179478954\/legislacion\/leyes\/2023\/08\/23\/ley-2303-de-2023\/\" class=\"_self\" target=\"_self\" >LEY 2303 DE 2023<\/a><\/h4>\n<div class=\"pt-cv-content\">\"POR LA CUAL SE DECLARAN DE INTER\u00c9S SOCIAL NACIONAL Y COMO P\"RIORIDAD SANITARIA LA PREVENCI\u00d3N, LA MITIGACI\u00d3N, ERRADICACI\u00d3N, CONTENCI\u00d3N Y RENOVACI\u00d3N DE LA MARCHITEZ POR FUSARIUM R4T DEL PL\u00c1TANO Y BANANO (MUS\u00c1CEAS), DE LA ENFERMEDAD CONOCIDA COMO HUANGLONGBING (HLB) DE LOS C\u00cdTRICOS, DE LA PUDRICI\u00d3N DEL COGOLLO Y LA MARCHITEZ LETAL EN LA PALMA DE ACEITE EN TODO EL TERRITORlO COLOMBIANO Y SE DICTAN OTRAS DISPOSICIONES\" LEY-2303-DEL-13-DE-JULIO-DE-2023-1Descargar ...<br \/><div class=\"pt-cv-rmwrap\"><a href=\"https:\/\/www.dmsjuridica.com\/buscador_20179478954\/legislacion\/leyes\/2023\/08\/23\/ley-2303-de-2023\/\" class=\"_self pt-cv-readmore btn btn-success\" target=\"_self\">Leer M\u00e1s<\/a><\/div><\/div><\/div><\/div>\n<div class=\"col-md-12 col-sm-12 col-xs-12 pt-cv-content-item pt-cv-1-col\" ><div class='pt-cv-ifield'><a href=\"https:\/\/www.dmsjuridica.com\/buscador_20179478954\/legislacion\/leyes\/2023\/07\/21\/ley-2302-de-2023\/\" class=\"_self pt-cv-href-thumbnail pt-cv-thumb-default\" target=\"_self\" ><\/a>\n<h4 class=\"pt-cv-title\"><a href=\"https:\/\/www.dmsjuridica.com\/buscador_20179478954\/legislacion\/leyes\/2023\/07\/21\/ley-2302-de-2023\/\" class=\"_self\" target=\"_self\" >LEY 2302 DE 2023<\/a><\/h4>\n<div class=\"pt-cv-content\">LEY 2302 DE 2023 (julio 12) D.O. 52.454, julio 12 de 2023 por medio de la cual se adoptan medidas para garantizar la defensa e integridad territorial en el \u00e1mbito espacial y se dictan otras disposiciones El Congreso de Colombia DECRETA: Art\u00edculo 1\u00b0. Objeto. La presente ley establece medidas para garantizar la defensa e integridad territorial en el \u00e1mbito espacial, en el marco general para el desarrollo de las actividades espaciales en Colombia, considerando el importante papel que el Estado debe tener en este campo para la promoci\u00f3n y desarrollo del sector espacial, as\u00ed como en la ejecuci\u00f3n de actividades ...<br \/><div class=\"pt-cv-rmwrap\"><a href=\"https:\/\/www.dmsjuridica.com\/buscador_20179478954\/legislacion\/leyes\/2023\/07\/21\/ley-2302-de-2023\/\" class=\"_self pt-cv-readmore btn btn-success\" target=\"_self\">Leer M\u00e1s<\/a><\/div><\/div><\/div><\/div>\n<div class=\"col-md-12 col-sm-12 col-xs-12 pt-cv-content-item pt-cv-1-col\" ><div class='pt-cv-ifield'><a href=\"https:\/\/www.dmsjuridica.com\/buscador_20179478954\/legislacion\/leyes\/2023\/07\/21\/ley-2301-de-2023\/\" class=\"_self pt-cv-href-thumbnail pt-cv-thumb-default\" target=\"_self\" ><\/a>\n<h4 class=\"pt-cv-title\"><a href=\"https:\/\/www.dmsjuridica.com\/buscador_20179478954\/legislacion\/leyes\/2023\/07\/21\/ley-2301-de-2023\/\" class=\"_self\" target=\"_self\" >LEY 2301 DE 2023<\/a><\/h4>\n<div class=\"pt-cv-content\">LEY 2301 DE 2023 (Julio 10) POR MEDIO DE LA CUAL SE APRUEBA EL \u00abACUERDO ENTRE LA REP\u00daBLICA DE COLOMBIA Y LA REP\u00daBLICA BOLIVARIANA DE VENEZUELA SOBRE EL TRANSPORTE INTERNACIONAL DE CARGA Y PASAJEROS POR CARRETERA\u00bb, SUSCRITO EN CARTAGENA DE INDIAS, REP\u00daBLICA DE COLOMBIA, EL 10 DE AGOSTO DE 2014 EL CONGRESO DE COLOMBIA Visto el texto del \u00abACUERDO ENTRE LA REP\u00daBLICA DE COLOMBIA y LA REP\u00daBLICA BOLIVARIANA DE VENEZUELA SOBRE EL TRANSPORTE INTERNACIONAL DE CARGA Y PASAJEROS POR CARRETERA\u00bb, SUSCRITO EN CARTAGENA DE INDIAS, REP\u00daBLICA DE COLOMBIA, EL 10 DE AGOSTO DE 2014 Se adjunta copia fiel y completa ...<br \/><div class=\"pt-cv-rmwrap\"><a href=\"https:\/\/www.dmsjuridica.com\/buscador_20179478954\/legislacion\/leyes\/2023\/07\/21\/ley-2301-de-2023\/\" class=\"_self pt-cv-readmore btn btn-success\" target=\"_self\">Leer M\u00e1s<\/a><\/div><\/div><\/div><\/div>\n<div class=\"col-md-12 col-sm-12 col-xs-12 pt-cv-content-item pt-cv-1-col\" ><div class='pt-cv-ifield'><a href=\"https:\/\/www.dmsjuridica.com\/buscador_20179478954\/legislacion\/leyes\/2023\/07\/21\/ley-2300-de-2023\/\" class=\"_self pt-cv-href-thumbnail pt-cv-thumb-default\" target=\"_self\" ><\/a>\n<h4 class=\"pt-cv-title\"><a href=\"https:\/\/www.dmsjuridica.com\/buscador_20179478954\/legislacion\/leyes\/2023\/07\/21\/ley-2300-de-2023\/\" class=\"_self\" target=\"_self\" >LEY 2300 DE 2023<\/a><\/h4>\n<div class=\"pt-cv-content\">LEY 2300 DE 2023 (julio 10) D.O. 52.452, julio 10 de 2023 por medio de la cual se establecen medidas que protejan el derecho a la intimidad de los consumidores. El Congreso de Colombia, DECRETA: Art\u00edculo 1\u00b0. Objeto. La presente ley tiene por objeto proteger el derecho a la intimidad de los consumidores, estableciendo los canales, el horario y la periodicidad en la que estos pueden ser contactados por las entidades vigiladas por la Superintendencia Financiera y todas las personas naturales y jur\u00eddicas que adelanten gestiones de cobranzas de forma directa, por medio de terceros o por cesi\u00f3n de la ...<br \/><div class=\"pt-cv-rmwrap\"><a href=\"https:\/\/www.dmsjuridica.com\/buscador_20179478954\/legislacion\/leyes\/2023\/07\/21\/ley-2300-de-2023\/\" class=\"_self pt-cv-readmore btn btn-success\" target=\"_self\">Leer M\u00e1s<\/a><\/div><\/div><\/div><\/div>\n<div class=\"col-md-12 col-sm-12 col-xs-12 pt-cv-content-item pt-cv-1-col\" ><div class='pt-cv-ifield'><a href=\"https:\/\/www.dmsjuridica.com\/buscador_20179478954\/legislacion\/leyes\/2023\/07\/21\/ley-2299-de-2023\/\" class=\"_self pt-cv-href-thumbnail pt-cv-thumb-default\" target=\"_self\" ><\/a>\n<h4 class=\"pt-cv-title\"><a href=\"https:\/\/www.dmsjuridica.com\/buscador_20179478954\/legislacion\/leyes\/2023\/07\/21\/ley-2299-de-2023\/\" class=\"_self\" target=\"_self\" >LEY 2299 DE 2023<\/a><\/h4>\n<div class=\"pt-cv-content\">LEY 2299 DE 2023 (Julio 10) \u201cP0R LA CUAL SE ADICIONA Y EFECT\u00daAN UNAS MODIFICACIONES AL PRESUPUESTO GENERAL DE LA NACI\u00d3N DE LA VIGENCIA FISCAL DE 2023\u201d EL CONGRESO DE COLOMBIA DECRETA: ART\u00cdCULO 1. PRESUPUESTO DE RENTAS Y RECURSOS DE CAPITAL. Efect\u00faense las siguientes modificaciones al Presupuesto de Rentas y Recursos de Capital del Presupuesto General de la Naci\u00f3n de la vigencia fiscal de 2023, que lo adicionan en la suma de DIECIS\u00c9IS BILLONES NOVECIENTOS VEINTINUEVE MIL CUATROCIENTOS CINCO MILLONES QUINIENTOS SETENTA Y NUEVE MIL OCHOCIENTOS CINCUENTA Y CINCO PESOS MOLIEDA LEGAL ($16.929.405.579.855), seg\u00fan el siguiente detalle: (Ver tabla en ...<br \/><div class=\"pt-cv-rmwrap\"><a href=\"https:\/\/www.dmsjuridica.com\/buscador_20179478954\/legislacion\/leyes\/2023\/07\/21\/ley-2299-de-2023\/\" class=\"_self pt-cv-readmore btn btn-success\" target=\"_self\">Leer M\u00e1s<\/a><\/div><\/div><\/div><\/div>\n<div class=\"col-md-12 col-sm-12 col-xs-12 pt-cv-content-item pt-cv-1-col\" ><div class='pt-cv-ifield'><a href=\"https:\/\/www.dmsjuridica.com\/buscador_20179478954\/legislacion\/leyes\/2023\/07\/21\/ley-2298-de-2023\/\" class=\"_self pt-cv-href-thumbnail pt-cv-thumb-default\" target=\"_self\" ><\/a>\n<h4 class=\"pt-cv-title\"><a href=\"https:\/\/www.dmsjuridica.com\/buscador_20179478954\/legislacion\/leyes\/2023\/07\/21\/ley-2298-de-2023\/\" class=\"_self\" target=\"_self\" >LEY 2298 DE 2023<\/a><\/h4>\n<div class=\"pt-cv-content\">LEY 2298 DE 2023 ORG\u00c1NICA (julio 4) D.O. 52.446, julio 4 de 2023 por la cual se modifica el art\u00edculo 16 de la Ley 2200 de 2022, estableciendo las reglas para determinar el n\u00famero de diputados de las asambleas departamentales El Congreso de Colombia DECRETA: Art\u00edculo 1 \u00ba. Objeto. La presente ley tiene por objeto modificar el art\u00edculo 16 de la Ley 2200 del 2022, a fin de establecer las reglas para determinar el n\u00famero de diputados de las asambleas departamentales. Art\u00edculo 2\u00b0. Modif\u00edquese el art\u00edculo 16 de la Ley 2200 del 2022, el cual quedar\u00e1 as\u00ed: Art\u00edculo 16. Asambleas ...<br \/><div class=\"pt-cv-rmwrap\"><a href=\"https:\/\/www.dmsjuridica.com\/buscador_20179478954\/legislacion\/leyes\/2023\/07\/21\/ley-2298-de-2023\/\" class=\"_self pt-cv-readmore btn btn-success\" target=\"_self\">Leer M\u00e1s<\/a><\/div><\/div><\/div><\/div>\n<div class=\"col-md-12 col-sm-12 col-xs-12 pt-cv-content-item pt-cv-1-col\" ><div class='pt-cv-ifield'><a href=\"https:\/\/www.dmsjuridica.com\/buscador_20179478954\/legislacion\/leyes\/2023\/07\/21\/ley-2297-de-2023\/\" class=\"_self pt-cv-href-thumbnail pt-cv-thumb-default\" target=\"_self\" ><\/a>\n<h4 class=\"pt-cv-title\"><a href=\"https:\/\/www.dmsjuridica.com\/buscador_20179478954\/legislacion\/leyes\/2023\/07\/21\/ley-2297-de-2023\/\" class=\"_self\" target=\"_self\" >LEY 2297 DE 2023<\/a><\/h4>\n<div class=\"pt-cv-content\">LEY 2297 DE 2023 (junio 28) D.O. 52.440, junio 28 de 2023 por medio de la cual se establecen medidas efectivas y oportunas en beneficio de la autonom\u00eda de las personas con discapacidad y los cuidadores o asistentes personales bajo un enfoque de derechos humanos, biopsicosocial, se incentiva su formaci\u00f3n, acceso al empleo, emprendimiento, generaci\u00f3n de ingresos y atenci\u00f3n en salud y se dictan otras disposiciones El Congreso de Colombia, DECRETA: Art\u00edculo 1\u00b0. Objeto. La presente ley tiene por objeto establecer medidas efectivas para garantizar el acceso al servicio de cuidador o asistencia personal de las personas con discapacidad que ...<br \/><div class=\"pt-cv-rmwrap\"><a href=\"https:\/\/www.dmsjuridica.com\/buscador_20179478954\/legislacion\/leyes\/2023\/07\/21\/ley-2297-de-2023\/\" class=\"_self pt-cv-readmore btn btn-success\" target=\"_self\">Leer M\u00e1s<\/a><\/div><\/div><\/div><\/div>\n<div class=\"col-md-12 col-sm-12 col-xs-12 pt-cv-content-item pt-cv-1-col\" ><div class='pt-cv-ifield'><a href=\"https:\/\/www.dmsjuridica.com\/buscador_20179478954\/legislacion\/leyes\/2023\/07\/21\/ley-2296-de-2023\/\" class=\"_self pt-cv-href-thumbnail pt-cv-thumb-default\" target=\"_self\" ><\/a>\n<h4 class=\"pt-cv-title\"><a href=\"https:\/\/www.dmsjuridica.com\/buscador_20179478954\/legislacion\/leyes\/2023\/07\/21\/ley-2296-de-2023\/\" class=\"_self\" target=\"_self\" >LEY 2296 DE 2023<\/a><\/h4>\n<div class=\"pt-cv-content\">LEY 2296 DE 2023 (junio 7) D.O. 52.419, junio 7 de 2023 por medio de la cual la naci\u00f3n se asocia a la conmemoraci\u00f3n de los 21 a\u00f1os de fundaci\u00f3n del municipio de Abejorral, Antioquia, rinde homenaje a su poblaci\u00f3n y se dictan otras disposiciones. El Congreso de Colombia DECRETA: Art\u00edculo 1\u00ba. La Naci\u00f3n se asocia a la conmemoraci\u00f3n de los 210 a\u00f1os de la fundaci\u00f3n del municipio de Abejorral, Antioquia, ocurrida el 15 de enero de 1811 y rinde homenaje p\u00fablico su poblaci\u00f3n. Art\u00edculo 2\u00ba. La Naci\u00f3n hace un reconocimiento al municipio de Abejorral, Antioquia, por ser municipio agr\u00edcola, ...<br \/><div class=\"pt-cv-rmwrap\"><a href=\"https:\/\/www.dmsjuridica.com\/buscador_20179478954\/legislacion\/leyes\/2023\/07\/21\/ley-2296-de-2023\/\" class=\"_self pt-cv-readmore btn btn-success\" target=\"_self\">Leer M\u00e1s<\/a><\/div><\/div><\/div><\/div>\n<div class=\"col-md-12 col-sm-12 col-xs-12 pt-cv-content-item pt-cv-1-col\" ><div class='pt-cv-ifield'><a href=\"https:\/\/www.dmsjuridica.com\/buscador_20179478954\/legislacion\/leyes\/2023\/07\/21\/ley-2295-de-2023\/\" class=\"_self pt-cv-href-thumbnail pt-cv-thumb-default\" target=\"_self\" ><\/a>\n<h4 class=\"pt-cv-title\"><a href=\"https:\/\/www.dmsjuridica.com\/buscador_20179478954\/legislacion\/leyes\/2023\/07\/21\/ley-2295-de-2023\/\" class=\"_self\" target=\"_self\" >LEY 2295 DE 2023<\/a><\/h4>\n<div class=\"pt-cv-content\">LEY 2295 DE 2023 (junio 7) D.O. 52.419, junio 7 de 2023 por medio de la cual la naci\u00f3n se asocia a la celebraci\u00f3n de los cien (100) a\u00f1os de la fundaci\u00f3n del municipio de Trujillo, departamento del Valle del Cauca, y se dictan otras disposiciones. El Congreso de Colombia, DECRETA: Art\u00edculo 1\u00ba. La Naci\u00f3n colombiana rinde p\u00fablico homenaje y se asocia a la celebraci\u00f3n de los cien (100) a\u00f1os de la fundaci\u00f3n del municipio de Trujillo, en el departamento del Valle del Cauca, que tendr\u00e1 lugar el d\u00eda veintiuno (21) de septiembre de dos mil veintid\u00f3s (2022). Art\u00edculo 2\u00ba ...<br \/><div class=\"pt-cv-rmwrap\"><a href=\"https:\/\/www.dmsjuridica.com\/buscador_20179478954\/legislacion\/leyes\/2023\/07\/21\/ley-2295-de-2023\/\" class=\"_self pt-cv-readmore btn btn-success\" target=\"_self\">Leer M\u00e1s<\/a><\/div><\/div><\/div><\/div>\n<div class=\"col-md-12 col-sm-12 col-xs-12 pt-cv-content-item pt-cv-1-col\" ><div class='pt-cv-ifield'><a href=\"https:\/\/www.dmsjuridica.com\/buscador_20179478954\/legislacion\/leyes\/2023\/07\/21\/ley-2294-de-2023\/\" class=\"_self pt-cv-href-thumbnail pt-cv-thumb-default\" target=\"_self\" ><\/a>\n<h4 class=\"pt-cv-title\"><a href=\"https:\/\/www.dmsjuridica.com\/buscador_20179478954\/legislacion\/leyes\/2023\/07\/21\/ley-2294-de-2023\/\" class=\"_self\" target=\"_self\" >LEY 2294 DE 2023<\/a><\/h4>\n<div class=\"pt-cv-content\">LEY 2294 DE 2023 (mayo 19) D.O. 52.400, mayo 19 de 2023 por el cual se expide el Plan Nacional de Desarrollo 2022-2026 \u201cColombia Potencia Mundial de la Vida\u201d. EL CONGRESO DE COLOMBIA, DECRETA: T\u00cdTULO I PARTE GENERAL Art\u00edculo 1\u00b0. Objetivos del Plan Nacional de Desarrollo. El Plan Nacional de Desarrollo 2022-2026 \u201cColombia Potencia Mundial de la Vida\u201d, que se expide por medio de la presente ley, tiene como objetivo sentar las bases para que el pa\u00eds se convierta en un l\u00edder de la protecci\u00f3n de la vida a partir de la construcci\u00f3n de un nuevo contrato social que propicie ...<br \/><div class=\"pt-cv-rmwrap\"><a href=\"https:\/\/www.dmsjuridica.com\/buscador_20179478954\/legislacion\/leyes\/2023\/07\/21\/ley-2294-de-2023\/\" class=\"_self pt-cv-readmore btn btn-success\" target=\"_self\">Leer M\u00e1s<\/a><\/div><\/div><\/div><\/div>\n<div class=\"col-md-12 col-sm-12 col-xs-12 pt-cv-content-item pt-cv-1-col\" ><div class='pt-cv-ifield'><a href=\"https:\/\/www.dmsjuridica.com\/buscador_20179478954\/legislacion\/leyes\/2023\/07\/21\/ley-2293-de-2023\/\" class=\"_self pt-cv-href-thumbnail pt-cv-thumb-default\" target=\"_self\" ><\/a>\n<h4 class=\"pt-cv-title\"><a href=\"https:\/\/www.dmsjuridica.com\/buscador_20179478954\/legislacion\/leyes\/2023\/07\/21\/ley-2293-de-2023\/\" class=\"_self\" target=\"_self\" >LEY\u00a02293 DE 2023<\/a><\/h4>\n<div class=\"pt-cv-content\">LEY 2293 DE 2023 (abril 26) por medio de la cual se aprueba el \u201cProtocolo Adicional del Acuerdo Comercial entre la Uni\u00f3n Europea y sus Estados Miembros, por una parte, y Colombia y el Per\u00fa, por otra, para tener en cuenta la adhesi\u00f3n de la Rep\u00fablica de Croacia a la Uni\u00f3n Europea\u201d, suscrito en Bruselas, el 30 de junio de 2015. El Congreso de la Rep\u00fablica Visto el texto del \u201cProtocolo Adicional del Acuerdo Comercial entre la Uni\u00f3n Europea y sus Estados Miembros, por una parte, y Colombia y el Per\u00fa, por otra, para tener en cuenta la adhesi\u00f3n de ...<br \/><div class=\"pt-cv-rmwrap\"><a href=\"https:\/\/www.dmsjuridica.com\/buscador_20179478954\/legislacion\/leyes\/2023\/07\/21\/ley-2293-de-2023\/\" class=\"_self pt-cv-readmore btn btn-success\" target=\"_self\">Leer M\u00e1s<\/a><\/div><\/div><\/div><\/div>\n<div class=\"col-md-12 col-sm-12 col-xs-12 pt-cv-content-item pt-cv-1-col\" ><div class='pt-cv-ifield'><a href=\"https:\/\/www.dmsjuridica.com\/buscador_20179478954\/legislacion\/leyes\/2023\/04\/03\/ley-2292-de-2023\/\" class=\"_self pt-cv-href-thumbnail pt-cv-thumb-default\" target=\"_self\" ><\/a>\n<h4 class=\"pt-cv-title\"><a href=\"https:\/\/www.dmsjuridica.com\/buscador_20179478954\/legislacion\/leyes\/2023\/04\/03\/ley-2292-de-2023\/\" class=\"_self\" target=\"_self\" >LEY 2292 DE 2023<\/a><\/h4>\n<div class=\"pt-cv-content\">LEY 2292 DE 2023 (Marzo 08) Por medio de la cual se adoptan acciones afirmativas para mujeres cabeza de familia en materias de pol\u00edtica criminal y penitenciaria, se modifica y adiciona el C\u00f3digo Penal, la Ley 750 de 2002 y el C\u00f3digo de Procedimiento Penal y se dictan otras disposiciones EL CONGRESO DE COLOMBIA DECRETA: ART\u00cdCULO 1. Objeto. La presente ley tiene como objeto adoptar acciones afirmativas para las mujeres cabeza de familia en materia de pol\u00edtica criminal y penitenciaria, sin perjuicio de lo establecido en la Ley 750 de 2002, en el numeral 5 del Art\u00edculo 314 de la ...<br \/><div class=\"pt-cv-rmwrap\"><a href=\"https:\/\/www.dmsjuridica.com\/buscador_20179478954\/legislacion\/leyes\/2023\/04\/03\/ley-2292-de-2023\/\" class=\"_self pt-cv-readmore btn btn-success\" target=\"_self\">Leer M\u00e1s<\/a><\/div><\/div><\/div><\/div>\n<div class=\"col-md-12 col-sm-12 col-xs-12 pt-cv-content-item pt-cv-1-col\" ><div class='pt-cv-ifield'><a href=\"https:\/\/www.dmsjuridica.com\/buscador_20179478954\/legislacion\/leyes\/2023\/03\/23\/ley-2291-de-2023\/\" class=\"_self pt-cv-href-thumbnail pt-cv-thumb-default\" target=\"_self\" ><\/a>\n<h4 class=\"pt-cv-title\"><a href=\"https:\/\/www.dmsjuridica.com\/buscador_20179478954\/legislacion\/leyes\/2023\/03\/23\/ley-2291-de-2023\/\" class=\"_self\" target=\"_self\" ><strong>LEY 2291 DE 2023<\/strong><\/a><\/h4>\n<div class=\"pt-cv-content\">LEY 2291 DE 2023 (febrero 17) D.O. 52.311, febrero 17 de 2023 por medio de la cual se transforma la naturaleza jur\u00eddica del Instituto Nacional de Cancerolog\u00eda Empresa Social del Estado, se define su objeto, funciones, estructura y r\u00e9gimen legal. El Congreso de Colombia DECRETA: CAP\u00cdTULO I Naturaleza, domicilio, objeto y funciones Art\u00edculo 1\u00b0. Objeto. Por medio de la presente ley se transforma la naturaleza jur\u00eddica del Instituto Nacional de Cancerolog\u00eda Empresa Social del Estado en una entidad p\u00fablica de naturaleza especial, con personer\u00eda jur\u00eddica, patrimonio propio y autonom\u00eda administrativa, t\u00e9cnica y financiera, la cual se denomina \u201cInstituto Nacional de ...<br \/><div class=\"pt-cv-rmwrap\"><a href=\"https:\/\/www.dmsjuridica.com\/buscador_20179478954\/legislacion\/leyes\/2023\/03\/23\/ley-2291-de-2023\/\" class=\"_self pt-cv-readmore btn btn-success\" target=\"_self\">Leer M\u00e1s<\/a><\/div><\/div><\/div><\/div>\n<div class=\"col-md-12 col-sm-12 col-xs-12 pt-cv-content-item pt-cv-1-col\" ><div class='pt-cv-ifield'><a href=\"https:\/\/www.dmsjuridica.com\/buscador_20179478954\/legislacion\/leyes\/2023\/03\/23\/ley-2290-de-2023\/\" class=\"_self pt-cv-href-thumbnail pt-cv-thumb-default\" target=\"_self\" ><\/a>\n<h4 class=\"pt-cv-title\"><a href=\"https:\/\/www.dmsjuridica.com\/buscador_20179478954\/legislacion\/leyes\/2023\/03\/23\/ley-2290-de-2023\/\" class=\"_self\" target=\"_self\" >LEY 2290 DE 2023<\/a><\/h4>\n<div class=\"pt-cv-content\">Congreso de Colombia LEY 2290 DE 2023 (Febrero 13) \u201cPor medio de la cual se aprueba el \u201cAcuerdo relativo a la adopci\u00f3n de reglamentos t\u00e9cnicos armonizados de las Naciones Unidas aplicables a los veh\u00edculos de ruedas y los equipos y piezas que puedan montarse o utilizarse en estos, y sobre las condiciones de reconocimiento rec\u00edproco de las homologaciones concedidas conforme a dichos Reglamentos de las Naciones Unidas\u201d, suscrito en Ginebra, el 20 de marzo de 1958\u201d. El Congreso de la Rep\u00fablica, Visto el texto del \u201cAcuerdo relativo a la adopci\u00f3n de reglamentos t\u00e9cnicos armonizados de las Naciones Unidas aplicables a ...<br \/><div class=\"pt-cv-rmwrap\"><a href=\"https:\/\/www.dmsjuridica.com\/buscador_20179478954\/legislacion\/leyes\/2023\/03\/23\/ley-2290-de-2023\/\" class=\"_self pt-cv-readmore btn btn-success\" target=\"_self\">Leer M\u00e1s<\/a><\/div><\/div><\/div><\/div>\n<div class=\"col-md-12 col-sm-12 col-xs-12 pt-cv-content-item pt-cv-1-col\" ><div class='pt-cv-ifield'><a href=\"https:\/\/www.dmsjuridica.com\/buscador_20179478954\/legislacion\/leyes\/2023\/03\/23\/ley-2289-de-2023\/\" class=\"_self pt-cv-href-thumbnail pt-cv-thumb-default\" target=\"_self\" ><\/a>\n<h4 class=\"pt-cv-title\"><a href=\"https:\/\/www.dmsjuridica.com\/buscador_20179478954\/legislacion\/leyes\/2023\/03\/23\/ley-2289-de-2023\/\" class=\"_self\" target=\"_self\" >LEY 2289 DE 2023<\/a><\/h4>\n<div class=\"pt-cv-content\">Congreso de la Rep\u00fablica LEY 2289 DE 2023 (Febrero 13) \u201cPor medio de la cual se aprueba el \u201cTratado sobre el Comercio de Armas\u201d, adoptado en Nueva York el 2 de abril de 2013\u201d. El Congreso de la Rep\u00fablica, Visto el texto del \u201cTratado sobre el Comercio de Armas\u201d, adoptado en Nueva York el 2 de abril de 2013. Se adjunta copia fiel y completa de la versi\u00f3n en espa\u00f1ol del texto del tratado, certificado por el coordinador del grupo interno de trabajo de tratados de la direcci\u00f3n de asuntos jur\u00eddicos internacionales del Ministerio de Relaciones Exteriores, documento que reposa ...<br \/><div class=\"pt-cv-rmwrap\"><a href=\"https:\/\/www.dmsjuridica.com\/buscador_20179478954\/legislacion\/leyes\/2023\/03\/23\/ley-2289-de-2023\/\" class=\"_self pt-cv-readmore btn btn-success\" target=\"_self\">Leer M\u00e1s<\/a><\/div><\/div><\/div><\/div>\n<div class=\"col-md-12 col-sm-12 col-xs-12 pt-cv-content-item pt-cv-1-col\" ><div class='pt-cv-ifield'><a href=\"https:\/\/www.dmsjuridica.com\/buscador_20179478954\/legislacion\/leyes\/2023\/03\/23\/2529\/\" class=\"_self pt-cv-href-thumbnail pt-cv-thumb-default\" target=\"_self\" ><\/a>\n<h4 class=\"pt-cv-title\"><a href=\"https:\/\/www.dmsjuridica.com\/buscador_20179478954\/legislacion\/leyes\/2023\/03\/23\/2529\/\" class=\"_self\" target=\"_self\" >LEY 2288 DE 2023<\/a><\/h4>\n<div class=\"pt-cv-content\">Congreso de la Rep\u00fablica LEY 2288 DE 2023 (Febrero 13) \u201cPor medio de la cual se aprueba el \u201cConvenio entre la Rep\u00fablica de Colombia y la Rep\u00fablica de Costa Rica sobre Asistencia Judicial en Materia Penal\u201d, suscrito en Washington, el 4 de junio de 2018\u201d. El Congreso de la Rep\u00fablica Visto el texto del \u201cConvenio entre la Rep\u00fablica de Colombia y la Rep\u00fablica de Costa Rica sobre asistencia judicial en materia penal\u201d, suscrito en Washington, el 4 de junio de 2018. Se adjunta copia fiel y completa del texto original del Tratado, Certificado por el Coordinador del Grupo Interno de ...<br \/><div class=\"pt-cv-rmwrap\"><a href=\"https:\/\/www.dmsjuridica.com\/buscador_20179478954\/legislacion\/leyes\/2023\/03\/23\/2529\/\" class=\"_self pt-cv-readmore btn btn-success\" target=\"_self\">Leer M\u00e1s<\/a><\/div><\/div><\/div><\/div>\n<div class=\"col-md-12 col-sm-12 col-xs-12 pt-cv-content-item pt-cv-1-col\" ><div class='pt-cv-ifield'><a href=\"https:\/\/www.dmsjuridica.com\/buscador_20179478954\/legislacion\/leyes\/2023\/03\/23\/ley-2287-de-2023\/\" class=\"_self pt-cv-href-thumbnail pt-cv-thumb-default\" target=\"_self\" ><\/a>\n<h4 class=\"pt-cv-title\"><a href=\"https:\/\/www.dmsjuridica.com\/buscador_20179478954\/legislacion\/leyes\/2023\/03\/23\/ley-2287-de-2023\/\" class=\"_self\" target=\"_self\" ><strong>LEY 2287 DE 2023<\/strong><\/a><\/h4>\n<div class=\"pt-cv-content\">LEY 2287 DE 2023 (enero 13) D.O. 52.276, enero 13 de 2023 por medio de la cual se crea el Sistema Nacional de Biobancos y se regula el funcionamiento de los biobancos con fines de investigaci\u00f3n biom\u00e9dica biotecnol\u00f3gica y epidemiol\u00f3gica y se dictan otras disposiciones. El Congreso de Colombia, DECRETA: T\u00cdTULO I CAP\u00cdTULO I Disposiciones Generales Art\u00edculo 1\u00ba. Objeto. Crear el Sistema Nacional de Biobancos, regular la constituci\u00f3n, organizaci\u00f3n y funcionamiento de los biobancos en Colombia con fines de investigaci\u00f3n biom\u00e9dica y tecnol\u00f3gica para la obtenci\u00f3n, utilizaci\u00f3n, procesamiento, almacenamiento, transporte y cesi\u00f3n de muestras biol\u00f3gicas humanas, sus derivados y muestras ...<br \/><div class=\"pt-cv-rmwrap\"><a href=\"https:\/\/www.dmsjuridica.com\/buscador_20179478954\/legislacion\/leyes\/2023\/03\/23\/ley-2287-de-2023\/\" class=\"_self pt-cv-readmore btn btn-success\" target=\"_self\">Leer M\u00e1s<\/a><\/div><\/div><\/div><\/div>\n<div class=\"col-md-12 col-sm-12 col-xs-12 pt-cv-content-item pt-cv-1-col\" ><div class='pt-cv-ifield'><a href=\"https:\/\/www.dmsjuridica.com\/buscador_20179478954\/legislacion\/leyes\/2023\/03\/23\/ley-2286-de-2023\/\" class=\"_self pt-cv-href-thumbnail pt-cv-thumb-default\" target=\"_self\" ><\/a>\n<h4 class=\"pt-cv-title\"><a href=\"https:\/\/www.dmsjuridica.com\/buscador_20179478954\/legislacion\/leyes\/2023\/03\/23\/ley-2286-de-2023\/\" class=\"_self\" target=\"_self\" ><strong>LEY 2286 DE 2023<\/strong><\/a><\/h4>\n<div class=\"pt-cv-content\">LEY 2286 DE 2023 (enero 12) D.O. 52.275, enero 12 de 2023 por medio de la cual se dictan disposiciones para el Distrito Especial de Ciencia, Tecnolog\u00eda e Innovaci\u00f3n de Medell\u00edn y se dictan otras disposiciones. El Congreso de Colombia, DECRETA: Art\u00edculo 1\u00ba. Objeto. La presente ley tiene por objeto dotar al Distrito Especial de Ciencia, Tecnolog\u00eda e Innovaci\u00f3n de Medell\u00edn de las competencias, facultades, instrumentos y recursos legales para establecer su r\u00e9gimen pol\u00edtico, administrativo y fiscal, y promover su desarrollo integral. Art\u00edculo 2\u00ba. Medell\u00edn, Distrito Especial de Ciencia, Tecnolog\u00eda e Innovaci\u00f3n. De conformidad con lo dispuesto en el Acto ...<br \/><div class=\"pt-cv-rmwrap\"><a href=\"https:\/\/www.dmsjuridica.com\/buscador_20179478954\/legislacion\/leyes\/2023\/03\/23\/ley-2286-de-2023\/\" class=\"_self pt-cv-readmore btn btn-success\" target=\"_self\">Leer M\u00e1s<\/a><\/div><\/div><\/div><\/div>\n<div class=\"col-md-12 col-sm-12 col-xs-12 pt-cv-content-item pt-cv-1-col\" ><div class='pt-cv-ifield'><a href=\"https:\/\/www.dmsjuridica.com\/buscador_20179478954\/legislacion\/leyes\/2023\/03\/23\/ley-2285-de-2023\/\" class=\"_self pt-cv-href-thumbnail pt-cv-thumb-default\" target=\"_self\" ><\/a>\n<h4 class=\"pt-cv-title\"><a href=\"https:\/\/www.dmsjuridica.com\/buscador_20179478954\/legislacion\/leyes\/2023\/03\/23\/ley-2285-de-2023\/\" class=\"_self\" target=\"_self\" ><strong><a href=\"https:\/\/dmsjuridica.com\/CODIGOS\/LEGISLACION\/LEYES\/2023\/2285.pdf\">LEY 2285 DE 2023<\/a><\/strong><\/a><\/h4>\n<div class=\"pt-cv-content\">Ver LEY 2285 DE 2023\"Por medio de la cual se aprueba el \u00abtratado internacional sobre los recursos fitogen\u00e9ticos para la alimentaci\u00f3n y la agricultura\u00bb, adoptado por el 31\u00b0 per\u00edodo de sesiones de la conferencia de la FAO, en roma, el 3 de noviembre de 2001 ...<br \/><div class=\"pt-cv-rmwrap\"><a href=\"https:\/\/www.dmsjuridica.com\/buscador_20179478954\/legislacion\/leyes\/2023\/03\/23\/ley-2285-de-2023\/\" class=\"_self pt-cv-readmore btn btn-success\" target=\"_self\">Leer M\u00e1s<\/a><\/div><\/div><\/div><\/div>\n<div class=\"col-md-12 col-sm-12 col-xs-12 pt-cv-content-item pt-cv-1-col\" ><div class='pt-cv-ifield'><a href=\"https:\/\/www.dmsjuridica.com\/buscador_20179478954\/legislacion\/leyes\/2023\/03\/23\/ley-2284-de-2023\/\" class=\"_self pt-cv-href-thumbnail pt-cv-thumb-default\" target=\"_self\" ><\/a>\n<h4 class=\"pt-cv-title\"><a href=\"https:\/\/www.dmsjuridica.com\/buscador_20179478954\/legislacion\/leyes\/2023\/03\/23\/ley-2284-de-2023\/\" class=\"_self\" target=\"_self\" ><strong>LEY 2284 DE 2023<\/strong><\/a><\/h4>\n<div class=\"pt-cv-content\">LEY 2284 DE 2023 (enero 5) D.O. 52.268, enero 5 de 2023 por medio de la cual se aprueba el \u201cAcuerdo de Incorporaci\u00f3n de Singapur como estado asociado a la alianza del Pac\u00edfico integrado por la Rep\u00fablica de Chile, la Rep\u00fablica de Colombia, los Estados Unidos Mexicanos y la Rep\u00fablica de Per\u00fa con la Rep\u00fablica de Singapur\u201d; suscrito en Bah\u00eda M\u00e1laga, Rep\u00fablica de Colombia, el 26 de enero de 2022. El Congreso de la Rep\u00fablica Visto el texto del \u201cAcuerdo de Incorporaci\u00f3n de Singapur como estado asociado a la alianza del Pac\u00edfico integrado por la Rep\u00fablica de Chile, la Rep\u00fablica ...<br \/><div class=\"pt-cv-rmwrap\"><a href=\"https:\/\/www.dmsjuridica.com\/buscador_20179478954\/legislacion\/leyes\/2023\/03\/23\/ley-2284-de-2023\/\" class=\"_self pt-cv-readmore btn btn-success\" target=\"_self\">Leer M\u00e1s<\/a><\/div><\/div><\/div><\/div>\n<div class=\"col-md-12 col-sm-12 col-xs-12 pt-cv-content-item pt-cv-1-col\" ><div class='pt-cv-ifield'><a href=\"https:\/\/www.dmsjuridica.com\/buscador_20179478954\/legislacion\/leyes\/2023\/03\/23\/ley-2283-de-2023\/\" class=\"_self pt-cv-href-thumbnail pt-cv-thumb-default\" target=\"_self\" ><\/a>\n<h4 class=\"pt-cv-title\"><a href=\"https:\/\/www.dmsjuridica.com\/buscador_20179478954\/legislacion\/leyes\/2023\/03\/23\/ley-2283-de-2023\/\" class=\"_self\" target=\"_self\" ><strong>LEY 2283 DE 2023<\/strong><\/a><\/h4>\n<div class=\"pt-cv-content\">LEY 2283 DE 2023 (enero 5) D.O. 52.268, enero 5 de 2023 por medio de la cual se modifica la Ley 769 de 2002, se reglamenta la actividad de los organismos de apoyo al tr\u00e1nsito, garantizando el buen funcionamiento de los Centros de Ense\u00f1anza Automovil\u00edstica (CEA), como mecanismo de prevenci\u00f3n y amparo de la siniestralidad vial, y se dictan otras disposiciones. El Congreso de Colombia, DECRETA: Art\u00edculo 1\u00ba. Objeto. La presente ley tiene como objeto modificar la Ley 769 de 2002 y establecer una serie de prerrogativas para el desarrollo de la actividad de los Organismos de Apoyo al Tr\u00e1nsito ...<br \/><div class=\"pt-cv-rmwrap\"><a href=\"https:\/\/www.dmsjuridica.com\/buscador_20179478954\/legislacion\/leyes\/2023\/03\/23\/ley-2283-de-2023\/\" class=\"_self pt-cv-readmore btn btn-success\" target=\"_self\">Leer M\u00e1s<\/a><\/div><\/div><\/div><\/div>\n<div class=\"col-md-12 col-sm-12 col-xs-12 pt-cv-content-item pt-cv-1-col\" ><div class='pt-cv-ifield'><a href=\"https:\/\/www.dmsjuridica.com\/buscador_20179478954\/legislacion\/leyes\/2023\/03\/23\/ley-2282-de-2023\/\" class=\"_self pt-cv-href-thumbnail pt-cv-thumb-default\" target=\"_self\" ><\/a>\n<h4 class=\"pt-cv-title\"><a href=\"https:\/\/www.dmsjuridica.com\/buscador_20179478954\/legislacion\/leyes\/2023\/03\/23\/ley-2282-de-2023\/\" class=\"_self\" target=\"_self\" ><strong>LEY 2282 DE 2023<\/strong><\/a><\/h4>\n<div class=\"pt-cv-content\">LEY 2282 DE 2023 (enero 5) D.O. 52.268, enero 5 de 2023 por medio de la cual se conmemoran los 100 a\u00f1os del Banco de la Rep\u00fablica y se dictan otras disposiciones. El Congreso de la Rep\u00fablica DECRETA: Art\u00edculo 1\u00b0. La Naci\u00f3n conmemora, exalta y reconoce los cien (100) a\u00f1os de creaci\u00f3n del Banco de la Rep\u00fablica, los cuales se cumplen en el mes de julio del 2023. Lo anterior, teniendo en cuenta los invaluables aportes a la organizaci\u00f3n econ\u00f3mica e institucional del pa\u00eds a trav\u00e9s del manejo de la pol\u00edtica monetaria, cambiaria y crediticia, as\u00ed como, de su contribuci\u00f3n ...<br \/><div class=\"pt-cv-rmwrap\"><a href=\"https:\/\/www.dmsjuridica.com\/buscador_20179478954\/legislacion\/leyes\/2023\/03\/23\/ley-2282-de-2023\/\" class=\"_self pt-cv-readmore btn btn-success\" target=\"_self\">Leer M\u00e1s<\/a><\/div><\/div><\/div><\/div>\n<div class=\"col-md-12 col-sm-12 col-xs-12 pt-cv-content-item pt-cv-1-col\" ><div class='pt-cv-ifield'><a href=\"https:\/\/www.dmsjuridica.com\/buscador_20179478954\/legislacion\/leyes\/2023\/03\/23\/ley-2281-de-2023\/\" class=\"_self pt-cv-href-thumbnail pt-cv-thumb-default\" target=\"_self\" ><\/a>\n<h4 class=\"pt-cv-title\"><a href=\"https:\/\/www.dmsjuridica.com\/buscador_20179478954\/legislacion\/leyes\/2023\/03\/23\/ley-2281-de-2023\/\" class=\"_self\" target=\"_self\" ><strong>LEY 2281 DE 2023<\/strong><\/a><\/h4>\n<div class=\"pt-cv-content\">LEY 2281 DE 2023 (Enero 4) POR MEDIO DE LA CUAL SE CREA EL MINISTERIO DE IGUALDAD Y EQUIDAD Y SE DICTAN OTRAS DISPOSICIONES\u201d. EL CONGRESO DE LA COLOMBIA (sic) DECRETA: ART\u00cdCULO 1. OBJETO DE LA LEY. El objeto de la presente ley, en el marco del art\u00edculo 150 numeral 7 de la Constituci\u00f3n Pol\u00edtica y el art\u00edculo 50 de la Ley 489 de 1998, es la creaci\u00f3n del Ministerio de Igualdad y Equidad y la adopci\u00f3n de los elementos de su estructura org\u00e1nica. ART\u00cdCULO 2. NATURALEZA Y DENOMINACI\u00d3N. Cr\u00e9ase el Ministerio de Igualdad y Equidad, como un organismo principal ...<br \/><div class=\"pt-cv-rmwrap\"><a href=\"https:\/\/www.dmsjuridica.com\/buscador_20179478954\/legislacion\/leyes\/2023\/03\/23\/ley-2281-de-2023\/\" class=\"_self pt-cv-readmore btn btn-success\" target=\"_self\">Leer M\u00e1s<\/a><\/div><\/div><\/div><\/div><\/div><\/div><\/div>\n","protected":false},"excerpt":{"rendered":"","protected":false},"author":1,"featured_media":0,"parent":0,"menu_order":0,"comment_status":"closed","ping_status":"closed","template":"","meta":{"footnotes":""},"class_list":["post-4951","page","type-page","status-publish","hentry"],"_links":{"self":[{"href":"https:\/\/www.dmsjuridica.com\/buscador_20179478954\/legislacion\/leyes\/wp-json\/wp\/v2\/pages\/4951","targetHints":{"allow":["GET"]}}],"collection":[{"href":"https:\/\/www.dmsjuridica.com\/buscador_20179478954\/legislacion\/leyes\/wp-json\/wp\/v2\/pages"}],"about":[{"href":"https:\/\/www.dmsjuridica.com\/buscador_20179478954\/legislacion\/leyes\/wp-json\/wp\/v2\/types\/page"}],"author":[{"embeddable":true,"href":"https:\/\/www.dmsjuridica.com\/buscador_20179478954\/legislacion\/leyes\/wp-json\/wp\/v2\/users\/1"}],"replies":[{"embeddable":true,"href":"https:\/\/www.dmsjuridica.com\/buscador_20179478954\/legislacion\/leyes\/wp-json\/wp\/v2\/comments?post=4951"}],"version-history":[{"count":1,"href":"https:\/\/www.dmsjuridica.com\/buscador_20179478954\/legislacion\/leyes\/wp-json\/wp\/v2\/pages\/4951\/revisions"}],"predecessor-version":[{"id":4952,"href":"https:\/\/www.dmsjuridica.com\/buscador_20179478954\/legislacion\/leyes\/wp-json\/wp\/v2\/pages\/4951\/revisions\/4952"}],"wp:attachment":[{"href":"https:\/\/www.dmsjuridica.com\/buscador_20179478954\/legislacion\/leyes\/wp-json\/wp\/v2\/media?parent=4951"}],"curies":[{"name":"wp","href":"https:\/\/api.w.org\/{rel}","templated":true}]}}